{"id":24695,"date":"2020-01-13T13:07:59","date_gmt":"2020-01-13T11:07:59","guid":{"rendered":"http:\/\/www.psib-psoe.org\/eivissa\/?page_id=24695"},"modified":"2024-07-24T11:30:16","modified_gmt":"2024-07-24T09:30:16","slug":"santaeulariadesriu","status":"publish","type":"page","link":"https:\/\/www.psib-psoe.org\/eivissa\/municipis\/santaeulariadesriu\/","title":{"rendered":"Agrupaci\u00f3 Socialista de Santa Eul\u00e0ria des Riu"},"content":{"rendered":"<div class=\"wpb-content-wrapper\">[vc_row thb_full_width=&#8221;true&#8221; css=&#8221;.vc_custom_1576835719398{padding-top: 1% !important;padding-bottom: 1% !important;background-color: #e30613 !important;}&#8221;][vc_column][vc_column_text]\n<h2 style=\"color: #fff; text-align: center;\">Agrupaci\u00f3 Socialista Santa Eul\u00e0ria des Riu<\/h2>\n[\/vc_column_text][\/vc_column][\/vc_row][vc_row][vc_column][vc_column_text]\n[\/vc_column_text][\/vc_column][\/vc_row][vc_row][vc_column][vc_separator style=&#8221;shadow&#8221; border_width=&#8221;8&#8243;][\/vc_column][\/vc_row][vc_row][vc_column][\/vc_column][\/vc_row][vc_row][vc_column][\/vc_column][\/vc_row][vc_row][vc_column width=&#8221;1\/2&#8243;][vc_single_image image=&#8221;36796&#8243; img_size=&#8221;large&#8221; alignment=&#8221;right&#8221; onclick=&#8221;custom_link&#8221; link=&#8221;https:\/\/forms.gle\/suwsws242sCSozgA7&#8243;][\/vc_column][vc_column width=&#8221;1\/2&#8243;][vc_single_image image=&#8221;36798&#8243; img_size=&#8221;large&#8221; onclick=&#8221;custom_link&#8221; link=&#8221;https:\/\/forms.gle\/suwsws242sCSozgA7&#8243;][\/vc_column][\/vc_row][vc_row][vc_column][vc_column_text]\n[\/vc_column_text][\/vc_column][\/vc_row][vc_row][vc_column width=&#8221;1\/2&#8243;][vc_column_text]\n<h3 style=\"text-align: center;\"><a href=\"https:\/\/forms.gle\/suwsws242sCSozgA7\"><span style=\"color: #ff0000;\"><strong>Click aqu\u00ed: Fes-te Voluntari \/ Volunt\u00e0ria Pel Canvi a Santa Eul\u00e0ria<\/strong><\/span><\/a><\/h3>\n[\/vc_column_text][\/vc_column][vc_column width=&#8221;1\/2&#8243;][vc_single_image image=&#8221;36807&#8243; img_size=&#8221;large&#8221;][\/vc_column][\/vc_row][vc_row][vc_column][vc_separator style=&#8221;shadow&#8221; border_width=&#8221;10&#8243;][\/vc_column][\/vc_row][vc_row][vc_column][vc_column_text]\n[\/vc_column_text][\/vc_column][\/vc_row][vc_row][vc_column width=&#8221;1\/2&#8243;][vc_empty_space][vc_single_image image=&#8221;27266&#8243; img_size=&#8221;medium&#8221; alignment=&#8221;right&#8221;][\/vc_column][vc_column width=&#8221;1\/2&#8243;][vc_empty_space][vc_column_text]\n<h4 class=\"bold\">Secretaria General<\/h4>\n[\/vc_column_text][vc_column_text]\n<h5 class=\"bold\">V\u00edctor Torres P\u00e9rez<\/h5>\n[\/vc_column_text][vc_empty_space][vc_column_text]\n<h4 class=\"bold\">Secretaria d&#8217;Organitzaci\u00f3<\/h4>\n[\/vc_column_text][vc_column_text]\n<h6 class=\"bold\">Alan Ripoll Ribas<\/h6>\n[\/vc_column_text][vc_empty_space][vc_btn title=&#8221;Comissi\u00f3 Executiva&#8221; style=&#8221;outline-custom&#8221; outline_custom_color=&#8221;#e30613&#8243; outline_custom_hover_background=&#8221;#e30613&#8243; outline_custom_hover_text=&#8221;#ffffff&#8221; shape=&#8221;square&#8221; align=&#8221;center&#8221; i_icon_fontawesome=&#8221;fa fa-plus&#8221; button_block=&#8221;true&#8221; add_icon=&#8221;true&#8221; link=&#8221;url:https%3A%2F%2Fwww.psib-psoe.org%2Feivissa%2Fwp-content%2Fuploads%2FCOM.EXECUTIVA-SANTA-EULARIA-DES-RIU-PSOE.pdf||target:%20_blank|&#8221;][vc_empty_space][vc_text_separator title=&#8221;Contacta amb l&#8217;agrupaci\u00f3&#8221; title_align=&#8221;separator_align_left&#8221; color=&#8221;custom&#8221; accent_color=&#8221;#e20025&#8243;][vc_column_text]<a href=\"mailto:psoesantaeularia@gmail.com\">psoeseularia@gmail.com<\/a>[\/vc_column_text][\/vc_column][\/vc_row][vc_row][vc_column width=&#8221;1\/2&#8243;][vc_empty_space][vc_column_text]\n<h3>Regidors Santa Eul\u00e0ria des Riu<\/h3>\n<p><strong>1. Alan Ripoll Ribas<\/strong><\/p>\n<p class=\"p1\">Regidor i portaveu Grup PSOE<\/p>\n<p><strong>2. Beatriz Fern\u00e1ndez Olmos<\/strong><\/p>\n<p class=\"p1\">Regidora Grup PSOE<\/p>\n<p><strong>3. Marina Morales Costa<\/strong><\/p>\n<p class=\"p1\">Regidora Grup PSOE<\/p>\n<p><strong>4. Mateo Calbet Guasch<\/strong><\/p>\n<p class=\"p1\">Regidor Grup PSOE<\/p>\n<p><strong>5. Maria Carmen Quintero Rodr\u00edguez<\/strong><\/p>\n<p>Regidora Grup PSOE[\/vc_column_text][vc_empty_space][\/vc_column][vc_column width=&#8221;1\/2&#8243;][vc_empty_space][vc_single_image image=&#8221;37790&#8243; img_size=&#8221;full&#8221;][\/vc_column][\/vc_row][vc_row][vc_column][vc_column_text]\n[\/vc_column_text][\/vc_column][\/vc_row][vc_row][vc_column][vc_empty_space][vc_column_text]\n<h2 style=\"color: #e30613;\">Not\u00edcies <span class=\"bold\">del municipi<\/span><\/h2>\n[\/vc_column_text][vc_separator color=&#8221;custom&#8221; align=&#8221;align_left&#8221; border_width=&#8221;3&#8243; el_width=&#8221;10&#8243; accent_color=&#8221;#e30613&#8243;][vc_empty_space]\t<div class=\"posts-shortcode align-stretch blog-listing-style8 row \">\n\t\t<div class=\"small-12 large-4 columns\">\n\t<article itemscope itemtype=\"http:\/\/schema.org\/Article\" class=\"post blog-style7 alt post-42185 type-post status-publish format-standard has-post-thumbnail hentry category-federacio-de-eivissa-portada category-fse-psoe category-municipis category-santa-eularia-des-riu\" role=\"article\">\n\t\t<figure class=\"post-gallery\"><img loading=\"lazy\" decoding=\"async\" width=\"600\" height=\"400\" src=\"https:\/\/www.psib-psoe.org\/eivissa\/wp-content\/uploads\/12d3afb8-43ba-4b48-8c47-94c6ac1ade5f-600x400.jpg\" class=\"attachment-notio-general-x2 size-notio-general-x2 wp-post-image\" alt=\"\" srcset=\"https:\/\/www.psib-psoe.org\/eivissa\/wp-content\/uploads\/12d3afb8-43ba-4b48-8c47-94c6ac1ade5f-600x400.jpg 600w, https:\/\/www.psib-psoe.org\/eivissa\/wp-content\/uploads\/12d3afb8-43ba-4b48-8c47-94c6ac1ade5f-300x200.jpg 300w, https:\/\/www.psib-psoe.org\/eivissa\/wp-content\/uploads\/12d3afb8-43ba-4b48-8c47-94c6ac1ade5f-900x600.jpg 900w, https:\/\/www.psib-psoe.org\/eivissa\/wp-content\/uploads\/12d3afb8-43ba-4b48-8c47-94c6ac1ade5f-20x13.jpg 20w\" sizes=\"auto, (max-width: 600px) 100vw, 600px\" \/><\/figure>\n\t\t<div class=\"blog-top\">\n\t\t\t<header class=\"post-title entry-header\">\n\t\t\t\t<aside class=\"post-meta cf\">\n\t\t25\/04\/2026 \/ <a href=\"https:\/\/www.psib-psoe.org\/eivissa\/category\/federacio-de-eivissa-portada\/\" rel=\"category tag\">Federaci\u00f3 d'Eivissa - Portada<\/a>, <a href=\"https:\/\/www.psib-psoe.org\/eivissa\/category\/fse-psoe\/\" rel=\"category tag\">FSE-PSOE<\/a>, <a href=\"https:\/\/www.psib-psoe.org\/eivissa\/category\/municipis\/\" rel=\"category tag\">Municipis<\/a>, <a href=\"https:\/\/www.psib-psoe.org\/eivissa\/category\/santa-eularia-des-riu\/\" rel=\"category tag\">Santa Eul\u00e0ria des Riu<\/a><\/aside>\n\t\t\t\t<h3 itemprop=\"headline\"><a href=\"https:\/\/www.psib-psoe.org\/eivissa\/mes-de-120-persones-participen-en-la-iii-jornada-parlant-i-caminant-per-la-salut-as-puig-den-valls-organitzada-pel-psoe\/\" title=\"M\u00e9s de 120 persones participen en la III Jornada \u00abParlant i caminant per la salut\u00bb as Puig d\u2019en Valls organitzada pel PSOE\">M\u00e9s de 120 persones participen en la III Jornada \u00abParlant i caminant per la salut\u00bb as Puig d\u2019en Valls organitzada pel PSOE<\/a><\/h3>\n\t\t\t<\/header>\n\t\t<\/div>\n\t\t<div class=\"post-content\">\n\t\t\t<a href=\"https:\/\/www.psib-psoe.org\/eivissa\/mes-de-120-persones-participen-en-la-iii-jornada-parlant-i-caminant-per-la-salut-as-puig-den-valls-organitzada-pel-psoe\/\" class=\"more-link\">Read More<\/a>\n\t\t<\/div>\n\t\t\t<aside class=\"post-bottom-meta hide\">\n\t\t<strong rel=\"author\" itemprop=\"author\" class=\"author vcard\"><span class=\"fn\">adminpsib<\/span><\/strong>\n\t\t<time class=\"date published time\" datetime=\"2026-04-25T13:34:16+02:00\" itemprop=\"datePublished\" content=\"2026-04-25T13:34:16+02:00\">5 dies ago<\/time>\n\t\t<meta itemprop=\"dateModified\" class=\"date updated\" content=\"2026-04-25T13:34:16+02:00\">\n\t\t<span class=\"hide\" itemprop=\"publisher\" itemscope itemtype=\"https:\/\/schema.org\/Organization\">\n\t\t\t<meta itemprop=\"name\" content=\"Federaci\u00f3 Socialista d&#039;Eivissa\">\n\t\t\t<span itemprop=\"logo\" itemscope itemtype=\"https:\/\/schema.org\/ImageObject\">\n\t\t\t\t<meta itemprop=\"url\" content=\"https:\/\/www.psib-psoe.org\/eivissa\/wp-content\/themes\/notio-wp\/assets\/img\/logo.png\">\n\t\t\t<\/span>\n\t\t\t<meta itemprop=\"url\" content=\"https:\/\/www.psib-psoe.org\/eivissa\/\">\n\t\t<\/span>\n\t\t\t\t<span class=\"hide\" itemprop=\"image\" itemscope itemtype=\"http:\/\/schema.org\/ImageObject\">\n\t\t\t<meta itemprop=\"url\" content=\"https:\/\/www.psib-psoe.org\/eivissa\/wp-content\/uploads\/12d3afb8-43ba-4b48-8c47-94c6ac1ade5f.jpg\">\n\t\t\t<meta itemprop=\"width\" content=\"1600\">\n\t\t\t<meta itemprop=\"height\" content=\"1200\">\n\t\t<\/span>\n\t\t\t\t<meta itemscope itemprop=\"mainEntityOfPage\" itemtype=\"https:\/\/schema.org\/WebPage\" itemid=\"https:\/\/www.psib-psoe.org\/eivissa\/mes-de-120-persones-participen-en-la-iii-jornada-parlant-i-caminant-per-la-salut-as-puig-den-valls-organitzada-pel-psoe\/\">\n\t<\/aside>\n\t\t<\/article>\n<\/div>\n<div class=\"small-12 large-4 columns\">\n\t<article itemscope itemtype=\"http:\/\/schema.org\/Article\" class=\"post blog-style7 alt post-42170 type-post status-publish format-standard has-post-thumbnail hentry category-federacio-de-eivissa-portada category-fse-psoe category-govern-de-les-illes-balears-parlament category-municipis category-santa-eularia-des-riu\" role=\"article\">\n\t\t<figure class=\"post-gallery\"><img loading=\"lazy\" decoding=\"async\" width=\"600\" height=\"400\" src=\"https:\/\/www.psib-psoe.org\/eivissa\/wp-content\/uploads\/img_5236-600x400.jpg\" class=\"attachment-notio-general-x2 size-notio-general-x2 wp-post-image\" alt=\"\" srcset=\"https:\/\/www.psib-psoe.org\/eivissa\/wp-content\/uploads\/img_5236-600x400.jpg 600w, https:\/\/www.psib-psoe.org\/eivissa\/wp-content\/uploads\/img_5236-300x200.jpg 300w, https:\/\/www.psib-psoe.org\/eivissa\/wp-content\/uploads\/img_5236-900x600.jpg 900w, https:\/\/www.psib-psoe.org\/eivissa\/wp-content\/uploads\/img_5236-20x13.jpg 20w\" sizes=\"auto, (max-width: 600px) 100vw, 600px\" \/><\/figure>\n\t\t<div class=\"blog-top\">\n\t\t\t<header class=\"post-title entry-header\">\n\t\t\t\t<aside class=\"post-meta cf\">\n\t\t23\/04\/2026 \/ <a href=\"https:\/\/www.psib-psoe.org\/eivissa\/category\/federacio-de-eivissa-portada\/\" rel=\"category tag\">Federaci\u00f3 d'Eivissa - Portada<\/a>, <a href=\"https:\/\/www.psib-psoe.org\/eivissa\/category\/fse-psoe\/\" rel=\"category tag\">FSE-PSOE<\/a>, <a href=\"https:\/\/www.psib-psoe.org\/eivissa\/category\/govern-de-les-illes-balears-parlament\/\" rel=\"category tag\">Govern de les Illes Balears - Parlament - PSIB-PSOE<\/a>, <a href=\"https:\/\/www.psib-psoe.org\/eivissa\/category\/municipis\/\" rel=\"category tag\">Municipis<\/a>, <a href=\"https:\/\/www.psib-psoe.org\/eivissa\/category\/santa-eularia-des-riu\/\" rel=\"category tag\">Santa Eul\u00e0ria des Riu<\/a><\/aside>\n\t\t\t\t<h3 itemprop=\"headline\"><a href=\"https:\/\/www.psib-psoe.org\/eivissa\/el-psoe-se-suma-a-la-protesta-de-pacients-i-sanitaris-pel-bloqueig-del-pp-al-nou-centre-de-salut-de-santa-eularia\/\" title=\"El PSOE se suma a la protesta de pacients i sanitaris pel bloqueig del PP al nou centre de salut de Santa Eul\u00e0ria\">El PSOE se suma a la protesta de pacients i sanitaris pel bloqueig del PP al nou centre de salut de Santa Eul\u00e0ria<\/a><\/h3>\n\t\t\t<\/header>\n\t\t<\/div>\n\t\t<div class=\"post-content\">\n\t\t\t<a href=\"https:\/\/www.psib-psoe.org\/eivissa\/el-psoe-se-suma-a-la-protesta-de-pacients-i-sanitaris-pel-bloqueig-del-pp-al-nou-centre-de-salut-de-santa-eularia\/\" class=\"more-link\">Read More<\/a>\n\t\t<\/div>\n\t\t\t<aside class=\"post-bottom-meta hide\">\n\t\t<strong rel=\"author\" itemprop=\"author\" class=\"author vcard\"><span class=\"fn\">adminpsib<\/span><\/strong>\n\t\t<time class=\"date published time\" datetime=\"2026-04-23T14:55:24+02:00\" itemprop=\"datePublished\" content=\"2026-04-23T14:55:24+02:00\">7 dies ago<\/time>\n\t\t<meta itemprop=\"dateModified\" class=\"date updated\" content=\"2026-04-23T14:55:24+02:00\">\n\t\t<span class=\"hide\" itemprop=\"publisher\" itemscope itemtype=\"https:\/\/schema.org\/Organization\">\n\t\t\t<meta itemprop=\"name\" content=\"Federaci\u00f3 Socialista d&#039;Eivissa\">\n\t\t\t<span itemprop=\"logo\" itemscope itemtype=\"https:\/\/schema.org\/ImageObject\">\n\t\t\t\t<meta itemprop=\"url\" content=\"https:\/\/www.psib-psoe.org\/eivissa\/wp-content\/themes\/notio-wp\/assets\/img\/logo.png\">\n\t\t\t<\/span>\n\t\t\t<meta itemprop=\"url\" content=\"https:\/\/www.psib-psoe.org\/eivissa\/\">\n\t\t<\/span>\n\t\t\t\t<span class=\"hide\" itemprop=\"image\" itemscope itemtype=\"http:\/\/schema.org\/ImageObject\">\n\t\t\t<meta itemprop=\"url\" content=\"https:\/\/www.psib-psoe.org\/eivissa\/wp-content\/uploads\/img_5236.jpg\">\n\t\t\t<meta itemprop=\"width\" content=\"2000\">\n\t\t\t<meta itemprop=\"height\" content=\"1126\">\n\t\t<\/span>\n\t\t\t\t<meta itemscope itemprop=\"mainEntityOfPage\" itemtype=\"https:\/\/schema.org\/WebPage\" itemid=\"https:\/\/www.psib-psoe.org\/eivissa\/el-psoe-se-suma-a-la-protesta-de-pacients-i-sanitaris-pel-bloqueig-del-pp-al-nou-centre-de-salut-de-santa-eularia\/\">\n\t<\/aside>\n\t\t<\/article>\n<\/div>\n<div class=\"small-12 large-4 columns\">\n\t<article itemscope itemtype=\"http:\/\/schema.org\/Article\" class=\"post blog-style7 alt post-42161 type-post status-publish format-standard has-post-thumbnail hentry category-ciutat-deivissa category-federacio-de-eivissa-portada category-fse-psoe category-municipis category-sant-antoni-de-portmany category-santa-eularia-des-riu\" role=\"article\">\n\t\t<figure class=\"post-gallery\"><img loading=\"lazy\" decoding=\"async\" width=\"600\" height=\"400\" src=\"https:\/\/www.psib-psoe.org\/eivissa\/wp-content\/uploads\/servei-informacio-regularitzacio2-600x400.jpg\" class=\"attachment-notio-general-x2 size-notio-general-x2 wp-post-image\" alt=\"\" srcset=\"https:\/\/www.psib-psoe.org\/eivissa\/wp-content\/uploads\/servei-informacio-regularitzacio2-600x400.jpg 600w, https:\/\/www.psib-psoe.org\/eivissa\/wp-content\/uploads\/servei-informacio-regularitzacio2-300x200.jpg 300w, https:\/\/www.psib-psoe.org\/eivissa\/wp-content\/uploads\/servei-informacio-regularitzacio2-900x600.jpg 900w, https:\/\/www.psib-psoe.org\/eivissa\/wp-content\/uploads\/servei-informacio-regularitzacio2-20x13.jpg 20w\" sizes=\"auto, (max-width: 600px) 100vw, 600px\" \/><\/figure>\n\t\t<div class=\"blog-top\">\n\t\t\t<header class=\"post-title entry-header\">\n\t\t\t\t<aside class=\"post-meta cf\">\n\t\t22\/04\/2026 \/ <a href=\"https:\/\/www.psib-psoe.org\/eivissa\/category\/ciutat-deivissa\/\" rel=\"category tag\">Ciutat d'Eivissa<\/a>, <a href=\"https:\/\/www.psib-psoe.org\/eivissa\/category\/federacio-de-eivissa-portada\/\" rel=\"category tag\">Federaci\u00f3 d'Eivissa - Portada<\/a>, <a href=\"https:\/\/www.psib-psoe.org\/eivissa\/category\/fse-psoe\/\" rel=\"category tag\">FSE-PSOE<\/a>, <a href=\"https:\/\/www.psib-psoe.org\/eivissa\/category\/municipis\/\" rel=\"category tag\">Municipis<\/a>, <a href=\"https:\/\/www.psib-psoe.org\/eivissa\/category\/sant-antoni-de-portmany\/\" rel=\"category tag\">Sant Antoni de Portmany<\/a>, <a href=\"https:\/\/www.psib-psoe.org\/eivissa\/category\/santa-eularia-des-riu\/\" rel=\"category tag\">Santa Eul\u00e0ria des Riu<\/a><\/aside>\n\t\t\t\t<h3 itemprop=\"headline\"><a href=\"https:\/\/www.psib-psoe.org\/eivissa\/la-federacio-socialista-deivissa-inicia-un-servei-datencio-personal-per-ajudar-a-les-persones-migrants-en-el-proces-de-regularitzacio\/\" title=\"La Federaci\u00f3 Socialista d\u2019Eivissa inicia un servei d&#8217;atenci\u00f3 personal per ajudar a les persones migrants en el proc\u00e9s de regularitzaci\u00f3\">La Federaci\u00f3 Socialista d\u2019Eivissa inicia un servei d&#8217;atenci\u00f3 personal per ajudar a les persones migrants en el proc\u00e9s de regularitzaci\u00f3<\/a><\/h3>\n\t\t\t<\/header>\n\t\t<\/div>\n\t\t<div class=\"post-content\">\n\t\t\t<a href=\"https:\/\/www.psib-psoe.org\/eivissa\/la-federacio-socialista-deivissa-inicia-un-servei-datencio-personal-per-ajudar-a-les-persones-migrants-en-el-proces-de-regularitzacio\/\" class=\"more-link\">Read More<\/a>\n\t\t<\/div>\n\t\t\t<aside class=\"post-bottom-meta hide\">\n\t\t<strong rel=\"author\" itemprop=\"author\" class=\"author vcard\"><span class=\"fn\">adminpsib<\/span><\/strong>\n\t\t<time class=\"date published time\" datetime=\"2026-04-22T12:31:22+02:00\" itemprop=\"datePublished\" content=\"2026-04-22T12:31:22+02:00\">1 setmana ago<\/time>\n\t\t<meta itemprop=\"dateModified\" class=\"date updated\" content=\"2026-04-22T12:31:22+02:00\">\n\t\t<span class=\"hide\" itemprop=\"publisher\" itemscope itemtype=\"https:\/\/schema.org\/Organization\">\n\t\t\t<meta itemprop=\"name\" content=\"Federaci\u00f3 Socialista d&#039;Eivissa\">\n\t\t\t<span itemprop=\"logo\" itemscope itemtype=\"https:\/\/schema.org\/ImageObject\">\n\t\t\t\t<meta itemprop=\"url\" content=\"https:\/\/www.psib-psoe.org\/eivissa\/wp-content\/themes\/notio-wp\/assets\/img\/logo.png\">\n\t\t\t<\/span>\n\t\t\t<meta itemprop=\"url\" content=\"https:\/\/www.psib-psoe.org\/eivissa\/\">\n\t\t<\/span>\n\t\t\t\t<span class=\"hide\" itemprop=\"image\" itemscope itemtype=\"http:\/\/schema.org\/ImageObject\">\n\t\t\t<meta itemprop=\"url\" content=\"https:\/\/www.psib-psoe.org\/eivissa\/wp-content\/uploads\/servei-informacio-regularitzacio2.jpg\">\n\t\t\t<meta itemprop=\"width\" content=\"1600\">\n\t\t\t<meta itemprop=\"height\" content=\"1200\">\n\t\t<\/span>\n\t\t\t\t<meta itemscope itemprop=\"mainEntityOfPage\" itemtype=\"https:\/\/schema.org\/WebPage\" itemid=\"https:\/\/www.psib-psoe.org\/eivissa\/la-federacio-socialista-deivissa-inicia-un-servei-datencio-personal-per-ajudar-a-les-persones-migrants-en-el-proces-de-regularitzacio\/\">\n\t<\/aside>\n\t\t<\/article>\n<\/div>\n<div class=\"small-12 large-4 columns\">\n\t<article itemscope itemtype=\"http:\/\/schema.org\/Article\" class=\"post blog-style7 alt post-42152 type-post status-publish format-standard has-post-thumbnail hentry category-federacio-de-eivissa-portada category-municipis category-santa-eularia-des-riu\" role=\"article\">\n\t\t<figure class=\"post-gallery\"><img loading=\"lazy\" decoding=\"async\" width=\"600\" height=\"400\" src=\"https:\/\/www.psib-psoe.org\/eivissa\/wp-content\/uploads\/2roda-de-premsa-santa-eularia-600x400.jpg\" class=\"attachment-notio-general-x2 size-notio-general-x2 wp-post-image\" alt=\"\" srcset=\"https:\/\/www.psib-psoe.org\/eivissa\/wp-content\/uploads\/2roda-de-premsa-santa-eularia-600x400.jpg 600w, https:\/\/www.psib-psoe.org\/eivissa\/wp-content\/uploads\/2roda-de-premsa-santa-eularia-300x200.jpg 300w, https:\/\/www.psib-psoe.org\/eivissa\/wp-content\/uploads\/2roda-de-premsa-santa-eularia-900x600.jpg 900w, https:\/\/www.psib-psoe.org\/eivissa\/wp-content\/uploads\/2roda-de-premsa-santa-eularia-20x13.jpg 20w\" sizes=\"auto, (max-width: 600px) 100vw, 600px\" \/><\/figure>\n\t\t<div class=\"blog-top\">\n\t\t\t<header class=\"post-title entry-header\">\n\t\t\t\t<aside class=\"post-meta cf\">\n\t\t21\/04\/2026 \/ <a href=\"https:\/\/www.psib-psoe.org\/eivissa\/category\/federacio-de-eivissa-portada\/\" rel=\"category tag\">Federaci\u00f3 d'Eivissa - Portada<\/a>, <a href=\"https:\/\/www.psib-psoe.org\/eivissa\/category\/municipis\/\" rel=\"category tag\">Municipis<\/a>, <a href=\"https:\/\/www.psib-psoe.org\/eivissa\/category\/santa-eularia-des-riu\/\" rel=\"category tag\">Santa Eul\u00e0ria des Riu<\/a><\/aside>\n\t\t\t\t<h3 itemprop=\"headline\"><a href=\"https:\/\/www.psib-psoe.org\/eivissa\/es-una-mesura-injusta-insensible-i-totalment-equivocada-el-psoe-de-santa-eularia-exigeix-a-carmen-ferrer-que-deixi-de-cobrar-50-euros-per-expedir-el-certificat-a-les-persones-vulne\/\" title=\"\u201c\u00c9s una mesura injusta, insensible i totalment equivocada\u201d. El PSOE de Santa Eul\u00e0ria exigeix a Carmen Ferrer que deixi de cobrar 50 euros per expedir el certificat a les persones vulnerables.\">\u201c\u00c9s una mesura injusta, insensible i totalment equivocada\u201d. El PSOE de Santa Eul\u00e0ria exigeix a Carmen Ferrer que deixi de cobrar 50 euros per expedir el certificat a les persones vulnerables.<\/a><\/h3>\n\t\t\t<\/header>\n\t\t<\/div>\n\t\t<div class=\"post-content\">\n\t\t\t<a href=\"https:\/\/www.psib-psoe.org\/eivissa\/es-una-mesura-injusta-insensible-i-totalment-equivocada-el-psoe-de-santa-eularia-exigeix-a-carmen-ferrer-que-deixi-de-cobrar-50-euros-per-expedir-el-certificat-a-les-persones-vulne\/\" class=\"more-link\">Read More<\/a>\n\t\t<\/div>\n\t\t\t<aside class=\"post-bottom-meta hide\">\n\t\t<strong rel=\"author\" itemprop=\"author\" class=\"author vcard\"><span class=\"fn\">adminpsib<\/span><\/strong>\n\t\t<time class=\"date published time\" datetime=\"2026-04-21T12:04:52+02:00\" itemprop=\"datePublished\" content=\"2026-04-21T12:04:52+02:00\">1 setmana ago<\/time>\n\t\t<meta itemprop=\"dateModified\" class=\"date updated\" content=\"2026-04-21T12:04:52+02:00\">\n\t\t<span class=\"hide\" itemprop=\"publisher\" itemscope itemtype=\"https:\/\/schema.org\/Organization\">\n\t\t\t<meta itemprop=\"name\" content=\"Federaci\u00f3 Socialista d&#039;Eivissa\">\n\t\t\t<span itemprop=\"logo\" itemscope itemtype=\"https:\/\/schema.org\/ImageObject\">\n\t\t\t\t<meta itemprop=\"url\" content=\"https:\/\/www.psib-psoe.org\/eivissa\/wp-content\/themes\/notio-wp\/assets\/img\/logo.png\">\n\t\t\t<\/span>\n\t\t\t<meta itemprop=\"url\" content=\"https:\/\/www.psib-psoe.org\/eivissa\/\">\n\t\t<\/span>\n\t\t\t\t<span class=\"hide\" itemprop=\"image\" itemscope itemtype=\"http:\/\/schema.org\/ImageObject\">\n\t\t\t<meta itemprop=\"url\" content=\"https:\/\/www.psib-psoe.org\/eivissa\/wp-content\/uploads\/2roda-de-premsa-santa-eularia-scaled.jpg\">\n\t\t\t<meta itemprop=\"width\" content=\"2560\">\n\t\t\t<meta itemprop=\"height\" content=\"1436\">\n\t\t<\/span>\n\t\t\t\t<meta itemscope itemprop=\"mainEntityOfPage\" itemtype=\"https:\/\/schema.org\/WebPage\" itemid=\"https:\/\/www.psib-psoe.org\/eivissa\/es-una-mesura-injusta-insensible-i-totalment-equivocada-el-psoe-de-santa-eularia-exigeix-a-carmen-ferrer-que-deixi-de-cobrar-50-euros-per-expedir-el-certificat-a-les-persones-vulne\/\">\n\t<\/aside>\n\t\t<\/article>\n<\/div>\n<div class=\"small-12 large-4 columns\">\n\t<article itemscope itemtype=\"http:\/\/schema.org\/Article\" class=\"post blog-style7 alt post-42048 type-post status-publish format-standard has-post-thumbnail hentry category-federacio-de-eivissa-portada category-municipis category-santa-eularia-des-riu\" role=\"article\">\n\t\t<figure class=\"post-gallery\"><img loading=\"lazy\" decoding=\"async\" width=\"510\" height=\"294\" src=\"https:\/\/www.psib-psoe.org\/eivissa\/wp-content\/uploads\/alan-ple-santa-eularia-marc-26.png\" class=\"attachment-notio-general-x2 size-notio-general-x2 wp-post-image\" alt=\"\" srcset=\"https:\/\/www.psib-psoe.org\/eivissa\/wp-content\/uploads\/alan-ple-santa-eularia-marc-26.png 510w, https:\/\/www.psib-psoe.org\/eivissa\/wp-content\/uploads\/alan-ple-santa-eularia-marc-26-300x173.png 300w, https:\/\/www.psib-psoe.org\/eivissa\/wp-content\/uploads\/alan-ple-santa-eularia-marc-26-150x86.png 150w, https:\/\/www.psib-psoe.org\/eivissa\/wp-content\/uploads\/alan-ple-santa-eularia-marc-26-20x13.png 20w\" sizes=\"auto, (max-width: 510px) 100vw, 510px\" \/><\/figure>\n\t\t<div class=\"blog-top\">\n\t\t\t<header class=\"post-title entry-header\">\n\t\t\t\t<aside class=\"post-meta cf\">\n\t\t26\/03\/2026 \/ <a href=\"https:\/\/www.psib-psoe.org\/eivissa\/category\/federacio-de-eivissa-portada\/\" rel=\"category tag\">Federaci\u00f3 d'Eivissa - Portada<\/a>, <a href=\"https:\/\/www.psib-psoe.org\/eivissa\/category\/municipis\/\" rel=\"category tag\">Municipis<\/a>, <a href=\"https:\/\/www.psib-psoe.org\/eivissa\/category\/santa-eularia-des-riu\/\" rel=\"category tag\">Santa Eul\u00e0ria des Riu<\/a><\/aside>\n\t\t\t\t<h3 itemprop=\"headline\"><a href=\"https:\/\/www.psib-psoe.org\/eivissa\/el-ple-de-santa-eularia-aprova-la-mocio-del-psoe-sobre-la-millora-del-transport-public-amb-el-canvi-dopinio-del-pp-que-ja-no-reclama-al-consell-insular-la-construccio-de-lestacio-d\/\" title=\"El Ple de Santa Eul\u00e0ria aprova la moci\u00f3 del PSOE sobre la millora del transport p\u00fablic amb el canvi d\u2019opini\u00f3 del PP, que ja no reclama al Consell Insular la construcci\u00f3 de l\u2019estaci\u00f3 d\u2019autobusos com feia quan Vicent Mar\u00ed era alcalde\">El Ple de Santa Eul\u00e0ria aprova la moci\u00f3 del PSOE sobre la millora del transport p\u00fablic amb el canvi d\u2019opini\u00f3 del PP, que ja no reclama al Consell Insular la construcci\u00f3 de l\u2019estaci\u00f3 d\u2019autobusos com feia quan Vicent Mar\u00ed era alcalde<\/a><\/h3>\n\t\t\t<\/header>\n\t\t<\/div>\n\t\t<div class=\"post-content\">\n\t\t\t<a href=\"https:\/\/www.psib-psoe.org\/eivissa\/el-ple-de-santa-eularia-aprova-la-mocio-del-psoe-sobre-la-millora-del-transport-public-amb-el-canvi-dopinio-del-pp-que-ja-no-reclama-al-consell-insular-la-construccio-de-lestacio-d\/\" class=\"more-link\">Read More<\/a>\n\t\t<\/div>\n\t\t\t<aside class=\"post-bottom-meta hide\">\n\t\t<strong rel=\"author\" itemprop=\"author\" class=\"author vcard\"><span class=\"fn\">adminpsib<\/span><\/strong>\n\t\t<time class=\"date published time\" datetime=\"2026-03-26T13:14:03+02:00\" itemprop=\"datePublished\" content=\"2026-03-26T13:14:03+02:00\">1 mes ago<\/time>\n\t\t<meta itemprop=\"dateModified\" class=\"date updated\" content=\"2026-03-26T13:14:03+02:00\">\n\t\t<span class=\"hide\" itemprop=\"publisher\" itemscope itemtype=\"https:\/\/schema.org\/Organization\">\n\t\t\t<meta itemprop=\"name\" content=\"Federaci\u00f3 Socialista d&#039;Eivissa\">\n\t\t\t<span itemprop=\"logo\" itemscope itemtype=\"https:\/\/schema.org\/ImageObject\">\n\t\t\t\t<meta itemprop=\"url\" content=\"https:\/\/www.psib-psoe.org\/eivissa\/wp-content\/themes\/notio-wp\/assets\/img\/logo.png\">\n\t\t\t<\/span>\n\t\t\t<meta itemprop=\"url\" content=\"https:\/\/www.psib-psoe.org\/eivissa\/\">\n\t\t<\/span>\n\t\t\t\t<span class=\"hide\" itemprop=\"image\" itemscope itemtype=\"http:\/\/schema.org\/ImageObject\">\n\t\t\t<meta itemprop=\"url\" content=\"https:\/\/www.psib-psoe.org\/eivissa\/wp-content\/uploads\/alan-ple-santa-eularia-marc-26.png\">\n\t\t\t<meta itemprop=\"width\" content=\"510\">\n\t\t\t<meta itemprop=\"height\" content=\"294\">\n\t\t<\/span>\n\t\t\t\t<meta itemscope itemprop=\"mainEntityOfPage\" itemtype=\"https:\/\/schema.org\/WebPage\" itemid=\"https:\/\/www.psib-psoe.org\/eivissa\/el-ple-de-santa-eularia-aprova-la-mocio-del-psoe-sobre-la-millora-del-transport-public-amb-el-canvi-dopinio-del-pp-que-ja-no-reclama-al-consell-insular-la-construccio-de-lestacio-d\/\">\n\t<\/aside>\n\t\t<\/article>\n<\/div>\n<div class=\"small-12 large-4 columns\">\n\t<article itemscope itemtype=\"http:\/\/schema.org\/Article\" class=\"post blog-style7 alt post-42024 type-post status-publish format-standard has-post-thumbnail hentry category-federacio-de-eivissa-portada category-municipis category-santa-eularia-des-riu\" role=\"article\">\n\t\t<figure class=\"post-gallery\"><img loading=\"lazy\" decoding=\"async\" width=\"600\" height=\"400\" src=\"https:\/\/www.psib-psoe.org\/eivissa\/wp-content\/uploads\/obres-jesus9-600x400.jpg\" class=\"attachment-notio-general-x2 size-notio-general-x2 wp-post-image\" alt=\"\" srcset=\"https:\/\/www.psib-psoe.org\/eivissa\/wp-content\/uploads\/obres-jesus9-600x400.jpg 600w, https:\/\/www.psib-psoe.org\/eivissa\/wp-content\/uploads\/obres-jesus9-300x200.jpg 300w, https:\/\/www.psib-psoe.org\/eivissa\/wp-content\/uploads\/obres-jesus9-900x600.jpg 900w, https:\/\/www.psib-psoe.org\/eivissa\/wp-content\/uploads\/obres-jesus9-20x13.jpg 20w\" sizes=\"auto, (max-width: 600px) 100vw, 600px\" \/><\/figure>\n\t\t<div class=\"blog-top\">\n\t\t\t<header class=\"post-title entry-header\">\n\t\t\t\t<aside class=\"post-meta cf\">\n\t\t20\/03\/2026 \/ <a href=\"https:\/\/www.psib-psoe.org\/eivissa\/category\/federacio-de-eivissa-portada\/\" rel=\"category tag\">Federaci\u00f3 d'Eivissa - Portada<\/a>, <a href=\"https:\/\/www.psib-psoe.org\/eivissa\/category\/municipis\/\" rel=\"category tag\">Municipis<\/a>, <a href=\"https:\/\/www.psib-psoe.org\/eivissa\/category\/santa-eularia-des-riu\/\" rel=\"category tag\">Santa Eul\u00e0ria des Riu<\/a><\/aside>\n\t\t\t\t<h3 itemprop=\"headline\"><a href=\"https:\/\/www.psib-psoe.org\/eivissa\/nou-caos-de-transit-a-jesus-el-psoe-de-santa-eularia-denuncia-la-falta-dinformacio-i-les-enormes-molesties-que-estan-generant-les-obres-de-la-carretera-que-travessa-el-poble\/\" title=\"Nou caos de tr\u00e0nsit a Jes\u00fas: El PSOE de Santa Eul\u00e0ria denuncia la falta d\u2019informaci\u00f3 i les enormes mol\u00e8sties que estan generant les obres de la carretera que travessa el poble\">Nou caos de tr\u00e0nsit a Jes\u00fas: El PSOE de Santa Eul\u00e0ria denuncia la falta d\u2019informaci\u00f3 i les enormes mol\u00e8sties que estan generant les obres de la carretera que travessa el poble<\/a><\/h3>\n\t\t\t<\/header>\n\t\t<\/div>\n\t\t<div class=\"post-content\">\n\t\t\t<a href=\"https:\/\/www.psib-psoe.org\/eivissa\/nou-caos-de-transit-a-jesus-el-psoe-de-santa-eularia-denuncia-la-falta-dinformacio-i-les-enormes-molesties-que-estan-generant-les-obres-de-la-carretera-que-travessa-el-poble\/\" class=\"more-link\">Read More<\/a>\n\t\t<\/div>\n\t\t\t<aside class=\"post-bottom-meta hide\">\n\t\t<strong rel=\"author\" itemprop=\"author\" class=\"author vcard\"><span class=\"fn\">adminpsib<\/span><\/strong>\n\t\t<time class=\"date published time\" datetime=\"2026-03-20T13:40:53+02:00\" itemprop=\"datePublished\" content=\"2026-03-20T13:40:53+02:00\">1 mes ago<\/time>\n\t\t<meta itemprop=\"dateModified\" class=\"date updated\" content=\"2026-03-20T13:40:53+02:00\">\n\t\t<span class=\"hide\" itemprop=\"publisher\" itemscope itemtype=\"https:\/\/schema.org\/Organization\">\n\t\t\t<meta itemprop=\"name\" content=\"Federaci\u00f3 Socialista d&#039;Eivissa\">\n\t\t\t<span itemprop=\"logo\" itemscope itemtype=\"https:\/\/schema.org\/ImageObject\">\n\t\t\t\t<meta itemprop=\"url\" content=\"https:\/\/www.psib-psoe.org\/eivissa\/wp-content\/themes\/notio-wp\/assets\/img\/logo.png\">\n\t\t\t<\/span>\n\t\t\t<meta itemprop=\"url\" content=\"https:\/\/www.psib-psoe.org\/eivissa\/\">\n\t\t<\/span>\n\t\t\t\t<span class=\"hide\" itemprop=\"image\" itemscope itemtype=\"http:\/\/schema.org\/ImageObject\">\n\t\t\t<meta itemprop=\"url\" content=\"https:\/\/www.psib-psoe.org\/eivissa\/wp-content\/uploads\/obres-jesus9.jpg\">\n\t\t\t<meta itemprop=\"width\" content=\"1920\">\n\t\t\t<meta itemprop=\"height\" content=\"1080\">\n\t\t<\/span>\n\t\t\t\t<meta itemscope itemprop=\"mainEntityOfPage\" itemtype=\"https:\/\/schema.org\/WebPage\" itemid=\"https:\/\/www.psib-psoe.org\/eivissa\/nou-caos-de-transit-a-jesus-el-psoe-de-santa-eularia-denuncia-la-falta-dinformacio-i-les-enormes-molesties-que-estan-generant-les-obres-de-la-carretera-que-travessa-el-poble\/\">\n\t<\/aside>\n\t\t<\/article>\n<\/div>\n\t<\/div>\n\t[vc_btn title=&#8221;Veure m\u00e9s not\u00edcies&#8221; style=&#8221;outline-custom&#8221; outline_custom_color=&#8221;#e30613&#8243; outline_custom_hover_background=&#8221;#e30613&#8243; outline_custom_hover_text=&#8221;#ffffff&#8221; shape=&#8221;square&#8221; align=&#8221;center&#8221; link=&#8221;url:http%3A%2F%2Fwww.psib-psoe.org%2Feivissa%2Factualitat-municipis%2F||target:%20_blank|&#8221;][\/vc_column][\/vc_row][vc_row css=&#8221;.vc_custom_1576838594888{background-color: #f6f6f6 !important;}&#8221;][vc_column][vc_empty_space][vc_column_text]\n<h1 class=\"bold\" style=\"text-align: center;\">Suma\u2019t al comprom\u00eds<\/h1>\n<h3 class=\"light\" style=\"text-align: center;\">Com a militant, simpatitzant o com a voluntari<br \/>\nAjuda\u2019ns a construir un futur millor<\/h3>\n[\/vc_column_text][vc_raw_html]JTNDYSUyMG5hbWUlM0QlMjJlc3RydWN0dXJhJTIyJTNFJTNDJTJGYSUzRQ==[\/vc_raw_html][vc_empty_space][vc_btn title=&#8221;Afilia&#8217;t al partit socialista&#8221; style=&#8221;outline-custom&#8221; outline_custom_color=&#8221;#e30613&#8243; outline_custom_hover_background=&#8221;#e30613&#8243; outline_custom_hover_text=&#8221;#ffffff&#8221; shape=&#8221;square&#8221; align=&#8221;center&#8221; link=&#8221;url:http%3A%2F%2Fwww.psib-psoe.org%2Fafiliacio%2F||target:%20_blank|&#8221;][vc_empty_space][\/vc_column][\/vc_row]\n<\/div>","protected":false},"excerpt":{"rendered":"<p>[vc_row thb_full_width=&#8221;true&#8221; css=&#8221;.vc_custom_1576835719398{padding-top: 1% !important;padding-bottom: 1% !important;background-color: #e30613 !important;}&#8221;][vc_column][vc_column_text] Agrupaci\u00f3 Socialista Santa Eul\u00e0ria des Riu [\/vc_column_text][\/vc_column][\/vc_row][vc_row][vc_column][vc_column_text] [\/vc_column_text][\/vc_column][\/vc_row][vc_row][vc_column][vc_separator style=&#8221;shadow&#8221; border_width=&#8221;8&#8243;][\/vc_column][\/vc_row][vc_row][vc_column][\/vc_column][\/vc_row][vc_row][vc_column][\/vc_column][\/vc_row][vc_row][vc_column width=&#8221;1\/2&#8243;][vc_single_image image=&#8221;36796&#8243; img_size=&#8221;large&#8221; alignment=&#8221;right&#8221; onclick=&#8221;custom_link&#8221; link=&#8221;https:\/\/forms.gle\/suwsws242sCSozgA7&#8243;][\/vc_column][vc_column width=&#8221;1\/2&#8243;][vc_single_image image=&#8221;36798&#8243; img_size=&#8221;large&#8221; onclick=&#8221;custom_link&#8221; link=&#8221;https:\/\/forms.gle\/suwsws242sCSozgA7&#8243;][\/vc_column][\/vc_row][vc_row][vc_column][vc_column_text] [\/vc_column_text][\/vc_column][\/vc_row][vc_row][vc_column width=&#8221;1\/2&#8243;][vc_column_text] Click aqu\u00ed: Fes-te Voluntari \/ Volunt\u00e0ria Pel Canvi a Santa Eul\u00e0ria [\/vc_column_text][\/vc_column][vc_column width=&#8221;1\/2&#8243;][vc_single_image image=&#8221;36807&#8243; img_size=&#8221;large&#8221;][\/vc_column][\/vc_row][vc_row][vc_column][vc_separator style=&#8221;shadow&#8221; border_width=&#8221;10&#8243;][\/vc_column][\/vc_row][vc_row][vc_column][vc_column_text] [\/vc_column_text][\/vc_column][\/vc_row][vc_row][vc_column width=&#8221;1\/2&#8243;][vc_empty_space][vc_single_image image=&#8221;27266&#8243; img_size=&#8221;medium&#8221; alignment=&#8221;right&#8221;][\/vc_column][vc_column width=&#8221;1\/2&#8243;][vc_empty_space][vc_column_text]&hellip;<\/p>\n","protected":false},"author":3,"featured_media":0,"parent":23366,"menu_order":0,"comment_status":"closed","ping_status":"closed","template":"","meta":{"footnotes":""},"class_list":["post-24695","page","type-page","status-publish","hentry"],"yoast_head":"<!-- This site is optimized with the Yoast SEO plugin v26.9 - https:\/\/yoast.com\/product\/yoast-seo-wordpress\/ -->\n<title>Agrupaci\u00f3 Socialista de Santa Eul\u00e0ria des Riu - Federaci\u00f3 Socialista d&#039;Eivissa<\/title>\n<meta name=\"robots\" content=\"index, follow, max-snippet:-1, max-image-preview:large, max-video-preview:-1\" \/>\n<link rel=\"canonical\" href=\"https:\/\/www.psib-psoe.org\/eivissa\/municipis\/santaeulariadesriu\/\" \/>\n<meta property=\"og:locale\" content=\"ca_ES\" \/>\n<meta property=\"og:type\" content=\"article\" \/>\n<meta property=\"og:title\" content=\"Agrupaci\u00f3 Socialista de Santa Eul\u00e0ria des Riu - Federaci\u00f3 Socialista d&#039;Eivissa\" \/>\n<meta property=\"og:description\" content=\"[vc_row thb_full_width=&#8221;true&#8221; css=&#8221;.vc_custom_1576835719398{padding-top: 1% !important;padding-bottom: 1% !important;background-color: #e30613 !important;}&#8221;][vc_column][vc_column_text] Agrupaci\u00f3 Socialista Santa Eul\u00e0ria des Riu [\/vc_column_text][\/vc_column][\/vc_row][vc_row][vc_column][vc_column_text] [\/vc_column_text][\/vc_column][\/vc_row][vc_row][vc_column][vc_separator style=&#8221;shadow&#8221; border_width=&#8221;8&#8243;][\/vc_column][\/vc_row][vc_row][vc_column][\/vc_column][\/vc_row][vc_row][vc_column][\/vc_column][\/vc_row][vc_row][vc_column width=&#8221;1\/2&#8243;][vc_single_image image=&#8221;36796&#8243; img_size=&#8221;large&#8221; alignment=&#8221;right&#8221; onclick=&#8221;custom_link&#8221; link=&#8221;https:\/\/forms.gle\/suwsws242sCSozgA7&#8243;][\/vc_column][vc_column width=&#8221;1\/2&#8243;][vc_single_image image=&#8221;36798&#8243; img_size=&#8221;large&#8221; onclick=&#8221;custom_link&#8221; link=&#8221;https:\/\/forms.gle\/suwsws242sCSozgA7&#8243;][\/vc_column][\/vc_row][vc_row][vc_column][vc_column_text] [\/vc_column_text][\/vc_column][\/vc_row][vc_row][vc_column width=&#8221;1\/2&#8243;][vc_column_text] Click aqu\u00ed: Fes-te Voluntari \/ Volunt\u00e0ria Pel Canvi a Santa Eul\u00e0ria [\/vc_column_text][\/vc_column][vc_column width=&#8221;1\/2&#8243;][vc_single_image image=&#8221;36807&#8243; img_size=&#8221;large&#8221;][\/vc_column][\/vc_row][vc_row][vc_column][vc_separator style=&#8221;shadow&#8221; border_width=&#8221;10&#8243;][\/vc_column][\/vc_row][vc_row][vc_column][vc_column_text] [\/vc_column_text][\/vc_column][\/vc_row][vc_row][vc_column width=&#8221;1\/2&#8243;][vc_empty_space][vc_single_image image=&#8221;27266&#8243; img_size=&#8221;medium&#8221; alignment=&#8221;right&#8221;][\/vc_column][vc_column width=&#8221;1\/2&#8243;][vc_empty_space][vc_column_text]&hellip;\" \/>\n<meta property=\"og:url\" content=\"https:\/\/www.psib-psoe.org\/eivissa\/municipis\/santaeulariadesriu\/\" \/>\n<meta property=\"og:site_name\" content=\"Federaci\u00f3 Socialista d&#039;Eivissa\" \/>\n<meta property=\"article:modified_time\" content=\"2024-07-24T09:30:16+00:00\" \/>\n<meta name=\"twitter:card\" content=\"summary_large_image\" \/>\n<meta name=\"twitter:label1\" content=\"Temps estimat de lectura\" \/>\n\t<meta name=\"twitter:data1\" content=\"3 minuts\" \/>\n<script type=\"application\/ld+json\" class=\"yoast-schema-graph\">{\"@context\":\"https:\/\/schema.org\",\"@graph\":[{\"@type\":\"WebPage\",\"@id\":\"https:\/\/www.psib-psoe.org\/eivissa\/municipis\/santaeulariadesriu\/\",\"url\":\"https:\/\/www.psib-psoe.org\/eivissa\/municipis\/santaeulariadesriu\/\",\"name\":\"Agrupaci\u00f3 Socialista de Santa Eul\u00e0ria des Riu - Federaci\u00f3 Socialista d&#039;Eivissa\",\"isPartOf\":{\"@id\":\"https:\/\/www.psib-psoe.org\/eivissa\/#website\"},\"datePublished\":\"2020-01-13T11:07:59+00:00\",\"dateModified\":\"2024-07-24T09:30:16+00:00\",\"breadcrumb\":{\"@id\":\"https:\/\/www.psib-psoe.org\/eivissa\/municipis\/santaeulariadesriu\/#breadcrumb\"},\"inLanguage\":\"ca\",\"potentialAction\":[{\"@type\":\"ReadAction\",\"target\":[\"https:\/\/www.psib-psoe.org\/eivissa\/municipis\/santaeulariadesriu\/\"]}]},{\"@type\":\"BreadcrumbList\",\"@id\":\"https:\/\/www.psib-psoe.org\/eivissa\/municipis\/santaeulariadesriu\/#breadcrumb\",\"itemListElement\":[{\"@type\":\"ListItem\",\"position\":1,\"name\":\"Inici\",\"item\":\"https:\/\/www.psib-psoe.org\/eivissa\/\"},{\"@type\":\"ListItem\",\"position\":2,\"name\":\"Agrupacions locals\",\"item\":\"https:\/\/www.psib-psoe.org\/eivissa\/municipis\/\"},{\"@type\":\"ListItem\",\"position\":3,\"name\":\"Agrupaci\u00f3 Socialista de Santa Eul\u00e0ria des Riu\"}]},{\"@type\":\"WebSite\",\"@id\":\"https:\/\/www.psib-psoe.org\/eivissa\/#website\",\"url\":\"https:\/\/www.psib-psoe.org\/eivissa\/\",\"name\":\"Federaci\u00f3 Socialista d'Eivissa\",\"description\":\"Socialistes d&#039;Eivissa\",\"publisher\":{\"@id\":\"https:\/\/www.psib-psoe.org\/eivissa\/#organization\"},\"potentialAction\":[{\"@type\":\"SearchAction\",\"target\":{\"@type\":\"EntryPoint\",\"urlTemplate\":\"https:\/\/www.psib-psoe.org\/eivissa\/?s={search_term_string}\"},\"query-input\":{\"@type\":\"PropertyValueSpecification\",\"valueRequired\":true,\"valueName\":\"search_term_string\"}}],\"inLanguage\":\"ca\"},{\"@type\":\"Organization\",\"@id\":\"https:\/\/www.psib-psoe.org\/eivissa\/#organization\",\"name\":\"Federaci\u00f3 Socialista d'Eivissa\",\"url\":\"https:\/\/www.psib-psoe.org\/eivissa\/\",\"logo\":{\"@type\":\"ImageObject\",\"inLanguage\":\"ca\",\"@id\":\"https:\/\/www.psib-psoe.org\/eivissa\/#\/schema\/logo\/image\/\",\"url\":\"https:\/\/www.psib-psoe.org\/eivissa\/wp-content\/uploads\/LOGO-FSE-SOCIALISTA-DEIVISSA-HORI.png\",\"contentUrl\":\"https:\/\/www.psib-psoe.org\/eivissa\/wp-content\/uploads\/LOGO-FSE-SOCIALISTA-DEIVISSA-HORI.png\",\"width\":6000,\"height\":3104,\"caption\":\"Federaci\u00f3 Socialista d'Eivissa\"},\"image\":{\"@id\":\"https:\/\/www.psib-psoe.org\/eivissa\/#\/schema\/logo\/image\/\"}}]}<\/script>\n<!-- \/ Yoast SEO plugin. -->","yoast_head_json":{"title":"Agrupaci\u00f3 Socialista de Santa Eul\u00e0ria des Riu - Federaci\u00f3 Socialista d&#039;Eivissa","robots":{"index":"index","follow":"follow","max-snippet":"max-snippet:-1","max-image-preview":"max-image-preview:large","max-video-preview":"max-video-preview:-1"},"canonical":"https:\/\/www.psib-psoe.org\/eivissa\/municipis\/santaeulariadesriu\/","og_locale":"ca_ES","og_type":"article","og_title":"Agrupaci\u00f3 Socialista de Santa Eul\u00e0ria des Riu - Federaci\u00f3 Socialista d&#039;Eivissa","og_description":"[vc_row thb_full_width=&#8221;true&#8221; css=&#8221;.vc_custom_1576835719398{padding-top: 1% !important;padding-bottom: 1% !important;background-color: #e30613 !important;}&#8221;][vc_column][vc_column_text] Agrupaci\u00f3 Socialista Santa Eul\u00e0ria des Riu [\/vc_column_text][\/vc_column][\/vc_row][vc_row][vc_column][vc_column_text] [\/vc_column_text][\/vc_column][\/vc_row][vc_row][vc_column][vc_separator style=&#8221;shadow&#8221; border_width=&#8221;8&#8243;][\/vc_column][\/vc_row][vc_row][vc_column][\/vc_column][\/vc_row][vc_row][vc_column][\/vc_column][\/vc_row][vc_row][vc_column width=&#8221;1\/2&#8243;][vc_single_image image=&#8221;36796&#8243; img_size=&#8221;large&#8221; alignment=&#8221;right&#8221; onclick=&#8221;custom_link&#8221; link=&#8221;https:\/\/forms.gle\/suwsws242sCSozgA7&#8243;][\/vc_column][vc_column width=&#8221;1\/2&#8243;][vc_single_image image=&#8221;36798&#8243; img_size=&#8221;large&#8221; onclick=&#8221;custom_link&#8221; link=&#8221;https:\/\/forms.gle\/suwsws242sCSozgA7&#8243;][\/vc_column][\/vc_row][vc_row][vc_column][vc_column_text] [\/vc_column_text][\/vc_column][\/vc_row][vc_row][vc_column width=&#8221;1\/2&#8243;][vc_column_text] Click aqu\u00ed: Fes-te Voluntari \/ Volunt\u00e0ria Pel Canvi a Santa Eul\u00e0ria [\/vc_column_text][\/vc_column][vc_column width=&#8221;1\/2&#8243;][vc_single_image image=&#8221;36807&#8243; img_size=&#8221;large&#8221;][\/vc_column][\/vc_row][vc_row][vc_column][vc_separator style=&#8221;shadow&#8221; border_width=&#8221;10&#8243;][\/vc_column][\/vc_row][vc_row][vc_column][vc_column_text] [\/vc_column_text][\/vc_column][\/vc_row][vc_row][vc_column width=&#8221;1\/2&#8243;][vc_empty_space][vc_single_image image=&#8221;27266&#8243; img_size=&#8221;medium&#8221; alignment=&#8221;right&#8221;][\/vc_column][vc_column width=&#8221;1\/2&#8243;][vc_empty_space][vc_column_text]&hellip;","og_url":"https:\/\/www.psib-psoe.org\/eivissa\/municipis\/santaeulariadesriu\/","og_site_name":"Federaci\u00f3 Socialista d&#039;Eivissa","article_modified_time":"2024-07-24T09:30:16+00:00","twitter_card":"summary_large_image","twitter_misc":{"Temps estimat de lectura":"3 minuts"},"schema":{"@context":"https:\/\/schema.org","@graph":[{"@type":"WebPage","@id":"https:\/\/www.psib-psoe.org\/eivissa\/municipis\/santaeulariadesriu\/","url":"https:\/\/www.psib-psoe.org\/eivissa\/municipis\/santaeulariadesriu\/","name":"Agrupaci\u00f3 Socialista de Santa Eul\u00e0ria des Riu - Federaci\u00f3 Socialista d&#039;Eivissa","isPartOf":{"@id":"https:\/\/www.psib-psoe.org\/eivissa\/#website"},"datePublished":"2020-01-13T11:07:59+00:00","dateModified":"2024-07-24T09:30:16+00:00","breadcrumb":{"@id":"https:\/\/www.psib-psoe.org\/eivissa\/municipis\/santaeulariadesriu\/#breadcrumb"},"inLanguage":"ca","potentialAction":[{"@type":"ReadAction","target":["https:\/\/www.psib-psoe.org\/eivissa\/municipis\/santaeulariadesriu\/"]}]},{"@type":"BreadcrumbList","@id":"https:\/\/www.psib-psoe.org\/eivissa\/municipis\/santaeulariadesriu\/#breadcrumb","itemListElement":[{"@type":"ListItem","position":1,"name":"Inici","item":"https:\/\/www.psib-psoe.org\/eivissa\/"},{"@type":"ListItem","position":2,"name":"Agrupacions locals","item":"https:\/\/www.psib-psoe.org\/eivissa\/municipis\/"},{"@type":"ListItem","position":3,"name":"Agrupaci\u00f3 Socialista de Santa Eul\u00e0ria des Riu"}]},{"@type":"WebSite","@id":"https:\/\/www.psib-psoe.org\/eivissa\/#website","url":"https:\/\/www.psib-psoe.org\/eivissa\/","name":"Federaci\u00f3 Socialista d'Eivissa","description":"Socialistes d&#039;Eivissa","publisher":{"@id":"https:\/\/www.psib-psoe.org\/eivissa\/#organization"},"potentialAction":[{"@type":"SearchAction","target":{"@type":"EntryPoint","urlTemplate":"https:\/\/www.psib-psoe.org\/eivissa\/?s={search_term_string}"},"query-input":{"@type":"PropertyValueSpecification","valueRequired":true,"valueName":"search_term_string"}}],"inLanguage":"ca"},{"@type":"Organization","@id":"https:\/\/www.psib-psoe.org\/eivissa\/#organization","name":"Federaci\u00f3 Socialista d'Eivissa","url":"https:\/\/www.psib-psoe.org\/eivissa\/","logo":{"@type":"ImageObject","inLanguage":"ca","@id":"https:\/\/www.psib-psoe.org\/eivissa\/#\/schema\/logo\/image\/","url":"https:\/\/www.psib-psoe.org\/eivissa\/wp-content\/uploads\/LOGO-FSE-SOCIALISTA-DEIVISSA-HORI.png","contentUrl":"https:\/\/www.psib-psoe.org\/eivissa\/wp-content\/uploads\/LOGO-FSE-SOCIALISTA-DEIVISSA-HORI.png","width":6000,"height":3104,"caption":"Federaci\u00f3 Socialista d'Eivissa"},"image":{"@id":"https:\/\/www.psib-psoe.org\/eivissa\/#\/schema\/logo\/image\/"}}]}},"_links":{"self":[{"href":"https:\/\/www.psib-psoe.org\/eivissa\/wp-json\/wp\/v2\/pages\/24695","targetHints":{"allow":["GET"]}}],"collection":[{"href":"https:\/\/www.psib-psoe.org\/eivissa\/wp-json\/wp\/v2\/pages"}],"about":[{"href":"https:\/\/www.psib-psoe.org\/eivissa\/wp-json\/wp\/v2\/types\/page"}],"author":[{"embeddable":true,"href":"https:\/\/www.psib-psoe.org\/eivissa\/wp-json\/wp\/v2\/users\/3"}],"replies":[{"embeddable":true,"href":"https:\/\/www.psib-psoe.org\/eivissa\/wp-json\/wp\/v2\/comments?post=24695"}],"version-history":[{"count":5,"href":"https:\/\/www.psib-psoe.org\/eivissa\/wp-json\/wp\/v2\/pages\/24695\/revisions"}],"predecessor-version":[{"id":39522,"href":"https:\/\/www.psib-psoe.org\/eivissa\/wp-json\/wp\/v2\/pages\/24695\/revisions\/39522"}],"up":[{"embeddable":true,"href":"https:\/\/www.psib-psoe.org\/eivissa\/wp-json\/wp\/v2\/pages\/23366"}],"wp:attachment":[{"href":"https:\/\/www.psib-psoe.org\/eivissa\/wp-json\/wp\/v2\/media?parent=24695"}],"curies":[{"name":"wp","href":"https:\/\/api.w.org\/{rel}","templated":true}]}}