{"id":23890,"date":"2019-06-11T15:09:54","date_gmt":"2019-06-11T13:09:54","guid":{"rendered":"http:\/\/www.psib-psoe.org\/mallorca\/?page_id=23890"},"modified":"2019-12-09T12:08:29","modified_gmt":"2019-12-09T10:08:29","slug":"actualitat-fsm","status":"publish","type":"page","link":"https:\/\/www.psib-psoe.org\/mallorca\/actualitat-fsm\/","title":{"rendered":"Actualitat: Federaci\u00f3 de Mallorca"},"content":{"rendered":"<div class=\"wpb-content-wrapper\">[vc_row content_placement=&#8221;bottom&#8221;][vc_column][vc_empty_space height=&#8221;100px&#8221;][vc_column_text css=&#8221;.vc_custom_1575886031918{padding-left: 15px !important;}&#8221;]\n<h2 class=\"bold\">Actualitat: Federaci\u00f3 de Mallorca<\/h2>\n[\/vc_column_text][vc_separator color=&#8221;custom&#8221; align=&#8221;align_left&#8221; border_width=&#8221;3&#8243; el_width=&#8221;10&#8243; accent_color=&#8221;#e30613&#8243; css=&#8221;.vc_custom_1527088004802{padding-top: 10px !important;padding-left: 15px !important;}&#8221;][vc_empty_space height=&#8221;60px&#8221;][vc_wp_custommenu nav_menu=&#8221;67&#8243; el_class=&#8221;filtros&#8221;]\t<div class=\"posts-shortcode align-stretch blog-listing-style8 row \">\n\t\t<div class=\"small-12 large-4 columns\">\n\t<article itemscope itemtype=\"http:\/\/schema.org\/Article\" class=\"post blog-style7 alt post-31445 type-post status-publish format-standard has-post-thumbnail hentry category-consell-de-mallorca category-federacio-de-mallorca category-federacio-de-mallorca-portada category-municipis category-portada tag-alaro tag-amanda-fernandez tag-andreu-vidal tag-ares-fernandez tag-federacio-socialista-de-mallorca tag-mallorca tag-omar-hernandez tag-psib-psoe tag-tolo-aguilar\" role=\"article\">\n\t\t<figure class=\"post-gallery\"><img loading=\"lazy\" decoding=\"async\" width=\"600\" height=\"400\" src=\"https:\/\/www.psib-psoe.org\/mallorca\/wp-content\/uploads\/Reunio-delegacio-600x400.jpeg\" class=\"attachment-notio-general-x2 size-notio-general-x2 wp-post-image\" alt=\"\" srcset=\"https:\/\/www.psib-psoe.org\/mallorca\/wp-content\/uploads\/Reunio-delegacio-600x400.jpeg 600w, https:\/\/www.psib-psoe.org\/mallorca\/wp-content\/uploads\/Reunio-delegacio-300x200.jpeg 300w, https:\/\/www.psib-psoe.org\/mallorca\/wp-content\/uploads\/Reunio-delegacio-900x600.jpeg 900w, https:\/\/www.psib-psoe.org\/mallorca\/wp-content\/uploads\/Reunio-delegacio-20x13.jpeg 20w\" sizes=\"(max-width: 600px) 100vw, 600px\" \/><\/figure>\n\t\t<div class=\"blog-top\">\n\t\t\t<header class=\"post-title entry-header\">\n\t\t\t\t<aside class=\"post-meta cf\">\n\t\t01\/05\/2026 \/ <a href=\"https:\/\/www.psib-psoe.org\/mallorca\/category\/consell-de-mallorca\/\" rel=\"category tag\">Consell de Mallorca<\/a>, <a href=\"https:\/\/www.psib-psoe.org\/mallorca\/category\/federacio-de-mallorca\/\" rel=\"category tag\">Federaci\u00f3 de Mallorca<\/a>, <a href=\"https:\/\/www.psib-psoe.org\/mallorca\/category\/federacio-de-mallorca-portada\/\" rel=\"category tag\">Federaci\u00f3 de Mallorca - Portada<\/a>, <a href=\"https:\/\/www.psib-psoe.org\/mallorca\/category\/municipis\/\" rel=\"category tag\">Municipis<\/a>, <a href=\"https:\/\/www.psib-psoe.org\/mallorca\/category\/portada\/\" rel=\"category tag\">Portada<\/a><\/aside>\n\t\t\t\t<h3 itemprop=\"headline\"><a href=\"https:\/\/www.psib-psoe.org\/mallorca\/el-psib-psoe-intensifica-les-gestions-a-tots-els-nivells-per-accelerar-la-rehabilitacio-i-la-gestio-publica-del-castell-dalaro\/\" title=\"El PSIB-PSOE intensifica les gestions a tots els nivells per accelerar la rehabilitaci\u00f3 i la gesti\u00f3 p\u00fablica del Castell d\u2019Alar\u00f3.\">El PSIB-PSOE intensifica les gestions a tots els nivells per accelerar la rehabilitaci\u00f3 i la gesti\u00f3 p\u00fablica del Castell d\u2019Alar\u00f3.<\/a><\/h3>\n\t\t\t<\/header>\n\t\t<\/div>\n\t\t<div class=\"post-content\">\n\t\t\t<a href=\"https:\/\/www.psib-psoe.org\/mallorca\/el-psib-psoe-intensifica-les-gestions-a-tots-els-nivells-per-accelerar-la-rehabilitacio-i-la-gestio-publica-del-castell-dalaro\/\" class=\"more-link\">Read More<\/a>\n\t\t<\/div>\n\t\t\t<aside class=\"post-bottom-meta hide\">\n\t\t<strong rel=\"author\" itemprop=\"author\" class=\"author vcard\"><span class=\"fn\">Albert<\/span><\/strong>\n\t\t<time class=\"date published time\" datetime=\"2026-05-01T22:39:32+02:00\" itemprop=\"datePublished\" content=\"2026-05-01T22:39:32+02:00\">16 hores ago<\/time>\n\t\t<meta itemprop=\"dateModified\" class=\"date updated\" content=\"2026-05-01T22:39:33+02:00\">\n\t\t<span class=\"hide\" itemprop=\"publisher\" itemscope itemtype=\"https:\/\/schema.org\/Organization\">\n\t\t\t<meta itemprop=\"name\" content=\"SocialistesdMca\">\n\t\t\t<span itemprop=\"logo\" itemscope itemtype=\"https:\/\/schema.org\/ImageObject\">\n\t\t\t\t<meta itemprop=\"url\" content=\"https:\/\/www.psib-psoe.org\/mallorca\/wp-content\/themes\/notio-wp\/assets\/img\/logo.png\">\n\t\t\t<\/span>\n\t\t\t<meta itemprop=\"url\" content=\"https:\/\/www.psib-psoe.org\/mallorca\/\">\n\t\t<\/span>\n\t\t\t\t<span class=\"hide\" itemprop=\"image\" itemscope itemtype=\"http:\/\/schema.org\/ImageObject\">\n\t\t\t<meta itemprop=\"url\" content=\"https:\/\/www.psib-psoe.org\/mallorca\/wp-content\/uploads\/Reunio-delegacio.jpeg\">\n\t\t\t<meta itemprop=\"width\" content=\"1600\">\n\t\t\t<meta itemprop=\"height\" content=\"1200\">\n\t\t<\/span>\n\t\t\t\t<meta itemscope itemprop=\"mainEntityOfPage\" itemtype=\"https:\/\/schema.org\/WebPage\" itemid=\"https:\/\/www.psib-psoe.org\/mallorca\/el-psib-psoe-intensifica-les-gestions-a-tots-els-nivells-per-accelerar-la-rehabilitacio-i-la-gestio-publica-del-castell-dalaro\/\">\n\t<\/aside>\n\t\t<\/article>\n<\/div>\n<div class=\"small-12 large-4 columns\">\n\t<article itemscope itemtype=\"http:\/\/schema.org\/Article\" class=\"post blog-style7 alt post-31441 type-post status-publish format-standard has-post-thumbnail hentry category-federacio-de-mallorca category-federacio-de-mallorca-portada category-municipis category-portada tag-agrupacio-socialista-sa-pobla tag-amanda-fernandez tag-ares-fernandez tag-catalina-cladera tag-federacio-socialista-de-mallorca tag-psib-psoe tag-sa-pobla tag-xesca-mir\" role=\"article\">\n\t\t<figure class=\"post-gallery\"><img loading=\"lazy\" decoding=\"async\" width=\"600\" height=\"400\" src=\"https:\/\/www.psib-psoe.org\/mallorca\/wp-content\/uploads\/Pintades-2-1-600x400.jpeg\" class=\"attachment-notio-general-x2 size-notio-general-x2 wp-post-image\" alt=\"\" srcset=\"https:\/\/www.psib-psoe.org\/mallorca\/wp-content\/uploads\/Pintades-2-1-600x400.jpeg 600w, https:\/\/www.psib-psoe.org\/mallorca\/wp-content\/uploads\/Pintades-2-1-300x200.jpeg 300w, https:\/\/www.psib-psoe.org\/mallorca\/wp-content\/uploads\/Pintades-2-1-900x600.jpeg 900w, https:\/\/www.psib-psoe.org\/mallorca\/wp-content\/uploads\/Pintades-2-1-20x13.jpeg 20w\" sizes=\"(max-width: 600px) 100vw, 600px\" \/><\/figure>\n\t\t<div class=\"blog-top\">\n\t\t\t<header class=\"post-title entry-header\">\n\t\t\t\t<aside class=\"post-meta cf\">\n\t\t30\/04\/2026 \/ <a href=\"https:\/\/www.psib-psoe.org\/mallorca\/category\/federacio-de-mallorca\/\" rel=\"category tag\">Federaci\u00f3 de Mallorca<\/a>, <a href=\"https:\/\/www.psib-psoe.org\/mallorca\/category\/federacio-de-mallorca-portada\/\" rel=\"category tag\">Federaci\u00f3 de Mallorca - Portada<\/a>, <a href=\"https:\/\/www.psib-psoe.org\/mallorca\/category\/municipis\/\" rel=\"category tag\">Municipis<\/a>, <a href=\"https:\/\/www.psib-psoe.org\/mallorca\/category\/portada\/\" rel=\"category tag\">Portada<\/a><\/aside>\n\t\t\t\t<h3 itemprop=\"headline\"><a href=\"https:\/\/www.psib-psoe.org\/mallorca\/els-socialistes-de-sa-pobla-condemnen-les-pintades-i-els-atacs-al-mobiliari-urba-apareguts-a-la-localitat\/\" title=\"Els Socialistes de sa Pobla condemnen les pintades i els atacs al mobiliari urb\u00e0 apareguts a la localitat.\">Els Socialistes de sa Pobla condemnen les pintades i els atacs al mobiliari urb\u00e0 apareguts a la localitat.<\/a><\/h3>\n\t\t\t<\/header>\n\t\t<\/div>\n\t\t<div class=\"post-content\">\n\t\t\t<a href=\"https:\/\/www.psib-psoe.org\/mallorca\/els-socialistes-de-sa-pobla-condemnen-les-pintades-i-els-atacs-al-mobiliari-urba-apareguts-a-la-localitat\/\" class=\"more-link\">Read More<\/a>\n\t\t<\/div>\n\t\t\t<aside class=\"post-bottom-meta hide\">\n\t\t<strong rel=\"author\" itemprop=\"author\" class=\"author vcard\"><span class=\"fn\">Albert<\/span><\/strong>\n\t\t<time class=\"date published time\" datetime=\"2026-04-30T17:33:15+02:00\" itemprop=\"datePublished\" content=\"2026-04-30T17:33:15+02:00\">2 dies ago<\/time>\n\t\t<meta itemprop=\"dateModified\" class=\"date updated\" content=\"2026-04-30T17:33:18+02:00\">\n\t\t<span class=\"hide\" itemprop=\"publisher\" itemscope itemtype=\"https:\/\/schema.org\/Organization\">\n\t\t\t<meta itemprop=\"name\" content=\"SocialistesdMca\">\n\t\t\t<span itemprop=\"logo\" itemscope itemtype=\"https:\/\/schema.org\/ImageObject\">\n\t\t\t\t<meta itemprop=\"url\" content=\"https:\/\/www.psib-psoe.org\/mallorca\/wp-content\/themes\/notio-wp\/assets\/img\/logo.png\">\n\t\t\t<\/span>\n\t\t\t<meta itemprop=\"url\" content=\"https:\/\/www.psib-psoe.org\/mallorca\/\">\n\t\t<\/span>\n\t\t\t\t<span class=\"hide\" itemprop=\"image\" itemscope itemtype=\"http:\/\/schema.org\/ImageObject\">\n\t\t\t<meta itemprop=\"url\" content=\"https:\/\/www.psib-psoe.org\/mallorca\/wp-content\/uploads\/Pintades-2-1.jpeg\">\n\t\t\t<meta itemprop=\"width\" content=\"1059\">\n\t\t\t<meta itemprop=\"height\" content=\"1382\">\n\t\t<\/span>\n\t\t\t\t<meta itemscope itemprop=\"mainEntityOfPage\" itemtype=\"https:\/\/schema.org\/WebPage\" itemid=\"https:\/\/www.psib-psoe.org\/mallorca\/els-socialistes-de-sa-pobla-condemnen-les-pintades-i-els-atacs-al-mobiliari-urba-apareguts-a-la-localitat\/\">\n\t<\/aside>\n\t\t<\/article>\n<\/div>\n<div class=\"small-12 large-4 columns\">\n\t<article itemscope itemtype=\"http:\/\/schema.org\/Article\" class=\"post blog-style7 alt post-31438 type-post status-publish format-standard has-post-thumbnail hentry category-federacio-de-mallorca category-federacio-de-mallorca-portada category-municipis category-portada tag-amanda-fernandez tag-ares-fernandez tag-federacio-socialista-de-mallorca tag-jaume-mateu tag-psib-psoe tag-soller-2 tag-son-angelats\" role=\"article\">\n\t\t<figure class=\"post-gallery\"><img loading=\"lazy\" decoding=\"async\" width=\"600\" height=\"400\" src=\"https:\/\/www.psib-psoe.org\/mallorca\/wp-content\/uploads\/300426_Nou-Punt-Verd-Son-Angelats-600x400.jpeg\" class=\"attachment-notio-general-x2 size-notio-general-x2 wp-post-image\" alt=\"\" srcset=\"https:\/\/www.psib-psoe.org\/mallorca\/wp-content\/uploads\/300426_Nou-Punt-Verd-Son-Angelats-600x400.jpeg 600w, https:\/\/www.psib-psoe.org\/mallorca\/wp-content\/uploads\/300426_Nou-Punt-Verd-Son-Angelats-300x200.jpeg 300w, https:\/\/www.psib-psoe.org\/mallorca\/wp-content\/uploads\/300426_Nou-Punt-Verd-Son-Angelats-900x600.jpeg 900w, https:\/\/www.psib-psoe.org\/mallorca\/wp-content\/uploads\/300426_Nou-Punt-Verd-Son-Angelats-20x13.jpeg 20w\" sizes=\"(max-width: 600px) 100vw, 600px\" \/><\/figure>\n\t\t<div class=\"blog-top\">\n\t\t\t<header class=\"post-title entry-header\">\n\t\t\t\t<aside class=\"post-meta cf\">\n\t\t30\/04\/2026 \/ <a href=\"https:\/\/www.psib-psoe.org\/mallorca\/category\/federacio-de-mallorca\/\" rel=\"category tag\">Federaci\u00f3 de Mallorca<\/a>, <a href=\"https:\/\/www.psib-psoe.org\/mallorca\/category\/federacio-de-mallorca-portada\/\" rel=\"category tag\">Federaci\u00f3 de Mallorca - Portada<\/a>, <a href=\"https:\/\/www.psib-psoe.org\/mallorca\/category\/municipis\/\" rel=\"category tag\">Municipis<\/a>, <a href=\"https:\/\/www.psib-psoe.org\/mallorca\/category\/portada\/\" rel=\"category tag\">Portada<\/a><\/aside>\n\t\t\t\t<h3 itemprop=\"headline\"><a href=\"https:\/\/www.psib-psoe.org\/mallorca\/els-socialistes-de-soller-demanen-la-retirada-del-nou-punt-verd-previst-a-son-angelats-i-que-el-solar-es-destini-a-habitatge-public-protegit\/\" title=\"Els Socialistes de S\u00f3ller demanen la retirada del nou punt verd previst a Son Angelats i que el solar es destini a habitatge p\u00fablic protegit\">Els Socialistes de S\u00f3ller demanen la retirada del nou punt verd previst a Son Angelats i que el solar es destini a habitatge p\u00fablic protegit<\/a><\/h3>\n\t\t\t<\/header>\n\t\t<\/div>\n\t\t<div class=\"post-content\">\n\t\t\t<a href=\"https:\/\/www.psib-psoe.org\/mallorca\/els-socialistes-de-soller-demanen-la-retirada-del-nou-punt-verd-previst-a-son-angelats-i-que-el-solar-es-destini-a-habitatge-public-protegit\/\" class=\"more-link\">Read More<\/a>\n\t\t<\/div>\n\t\t\t<aside class=\"post-bottom-meta hide\">\n\t\t<strong rel=\"author\" itemprop=\"author\" class=\"author vcard\"><span class=\"fn\">Marc<\/span><\/strong>\n\t\t<time class=\"date published time\" datetime=\"2026-04-30T17:11:27+02:00\" itemprop=\"datePublished\" content=\"2026-04-30T17:11:27+02:00\">2 dies ago<\/time>\n\t\t<meta itemprop=\"dateModified\" class=\"date updated\" content=\"2026-04-30T17:11:30+02:00\">\n\t\t<span class=\"hide\" itemprop=\"publisher\" itemscope itemtype=\"https:\/\/schema.org\/Organization\">\n\t\t\t<meta itemprop=\"name\" content=\"SocialistesdMca\">\n\t\t\t<span itemprop=\"logo\" itemscope itemtype=\"https:\/\/schema.org\/ImageObject\">\n\t\t\t\t<meta itemprop=\"url\" content=\"https:\/\/www.psib-psoe.org\/mallorca\/wp-content\/themes\/notio-wp\/assets\/img\/logo.png\">\n\t\t\t<\/span>\n\t\t\t<meta itemprop=\"url\" content=\"https:\/\/www.psib-psoe.org\/mallorca\/\">\n\t\t<\/span>\n\t\t\t\t<span class=\"hide\" itemprop=\"image\" itemscope itemtype=\"http:\/\/schema.org\/ImageObject\">\n\t\t\t<meta itemprop=\"url\" content=\"https:\/\/www.psib-psoe.org\/mallorca\/wp-content\/uploads\/300426_Nou-Punt-Verd-Son-Angelats.jpeg\">\n\t\t\t<meta itemprop=\"width\" content=\"2048\">\n\t\t\t<meta itemprop=\"height\" content=\"1536\">\n\t\t<\/span>\n\t\t\t\t<meta itemscope itemprop=\"mainEntityOfPage\" itemtype=\"https:\/\/schema.org\/WebPage\" itemid=\"https:\/\/www.psib-psoe.org\/mallorca\/els-socialistes-de-soller-demanen-la-retirada-del-nou-punt-verd-previst-a-son-angelats-i-que-el-solar-es-destini-a-habitatge-public-protegit\/\">\n\t<\/aside>\n\t\t<\/article>\n<\/div>\n<div class=\"small-12 large-4 columns\">\n\t<article itemscope itemtype=\"http:\/\/schema.org\/Article\" class=\"post blog-style7 alt post-31432 type-post status-publish format-standard has-post-thumbnail hentry category-federacio-de-mallorca category-federacio-de-mallorca-portada category-municipis category-portada tag-amanda-fernandez tag-ares-fernandez tag-bea-gamundi tag-cataliina-cladera tag-catalina-cladera tag-federacio-socialista-de-mallorca tag-iago-negueruela tag-jaume-mateu tag-joana-maria-adrover tag-psib-psoe\" role=\"article\">\n\t\t<figure class=\"post-gallery\"><img loading=\"lazy\" decoding=\"async\" width=\"600\" height=\"400\" src=\"https:\/\/www.psib-psoe.org\/mallorca\/wp-content\/uploads\/Cladera-ple-extr-280426-600x400.jpeg\" class=\"attachment-notio-general-x2 size-notio-general-x2 wp-post-image\" alt=\"\" srcset=\"https:\/\/www.psib-psoe.org\/mallorca\/wp-content\/uploads\/Cladera-ple-extr-280426-600x400.jpeg 600w, https:\/\/www.psib-psoe.org\/mallorca\/wp-content\/uploads\/Cladera-ple-extr-280426-300x200.jpeg 300w, https:\/\/www.psib-psoe.org\/mallorca\/wp-content\/uploads\/Cladera-ple-extr-280426-900x600.jpeg 900w, https:\/\/www.psib-psoe.org\/mallorca\/wp-content\/uploads\/Cladera-ple-extr-280426-20x13.jpeg 20w\" sizes=\"(max-width: 600px) 100vw, 600px\" \/><\/figure>\n\t\t<div class=\"blog-top\">\n\t\t\t<header class=\"post-title entry-header\">\n\t\t\t\t<aside class=\"post-meta cf\">\n\t\t28\/04\/2026 \/ <a href=\"https:\/\/www.psib-psoe.org\/mallorca\/category\/federacio-de-mallorca\/\" rel=\"category tag\">Federaci\u00f3 de Mallorca<\/a>, <a href=\"https:\/\/www.psib-psoe.org\/mallorca\/category\/federacio-de-mallorca-portada\/\" rel=\"category tag\">Federaci\u00f3 de Mallorca - Portada<\/a>, <a href=\"https:\/\/www.psib-psoe.org\/mallorca\/category\/municipis\/\" rel=\"category tag\">Municipis<\/a>, <a href=\"https:\/\/www.psib-psoe.org\/mallorca\/category\/portada\/\" rel=\"category tag\">Portada<\/a><\/aside>\n\t\t\t\t<h3 itemprop=\"headline\"><a href=\"https:\/\/www.psib-psoe.org\/mallorca\/el-grup-socialista-alerta-de-la-possible-illegalitat-de-lescut-racial-imposat-per-vox-i-assumit-pel-pp-al-consell-de-mallorca\/\" title=\"El Grup Socialista alerta de la possible il\u00b7legalitat de \u201cl\u2019escut racial\u201d imposat per Vox i assumit pel PP al Consell de Mallorca.\">El Grup Socialista alerta de la possible il\u00b7legalitat de \u201cl\u2019escut racial\u201d imposat per Vox i assumit pel PP al Consell de Mallorca.<\/a><\/h3>\n\t\t\t<\/header>\n\t\t<\/div>\n\t\t<div class=\"post-content\">\n\t\t\t<a href=\"https:\/\/www.psib-psoe.org\/mallorca\/el-grup-socialista-alerta-de-la-possible-illegalitat-de-lescut-racial-imposat-per-vox-i-assumit-pel-pp-al-consell-de-mallorca\/\" class=\"more-link\">Read More<\/a>\n\t\t<\/div>\n\t\t\t<aside class=\"post-bottom-meta hide\">\n\t\t<strong rel=\"author\" itemprop=\"author\" class=\"author vcard\"><span class=\"fn\">Albert<\/span><\/strong>\n\t\t<time class=\"date published time\" datetime=\"2026-04-28T17:47:10+02:00\" itemprop=\"datePublished\" content=\"2026-04-28T17:47:10+02:00\">4 dies ago<\/time>\n\t\t<meta itemprop=\"dateModified\" class=\"date updated\" content=\"2026-04-28T17:47:13+02:00\">\n\t\t<span class=\"hide\" itemprop=\"publisher\" itemscope itemtype=\"https:\/\/schema.org\/Organization\">\n\t\t\t<meta itemprop=\"name\" content=\"SocialistesdMca\">\n\t\t\t<span itemprop=\"logo\" itemscope itemtype=\"https:\/\/schema.org\/ImageObject\">\n\t\t\t\t<meta itemprop=\"url\" content=\"https:\/\/www.psib-psoe.org\/mallorca\/wp-content\/themes\/notio-wp\/assets\/img\/logo.png\">\n\t\t\t<\/span>\n\t\t\t<meta itemprop=\"url\" content=\"https:\/\/www.psib-psoe.org\/mallorca\/\">\n\t\t<\/span>\n\t\t\t\t<span class=\"hide\" itemprop=\"image\" itemscope itemtype=\"http:\/\/schema.org\/ImageObject\">\n\t\t\t<meta itemprop=\"url\" content=\"https:\/\/www.psib-psoe.org\/mallorca\/wp-content\/uploads\/Cladera-ple-extr-280426.jpeg\">\n\t\t\t<meta itemprop=\"width\" content=\"1600\">\n\t\t\t<meta itemprop=\"height\" content=\"1200\">\n\t\t<\/span>\n\t\t\t\t<meta itemscope itemprop=\"mainEntityOfPage\" itemtype=\"https:\/\/schema.org\/WebPage\" itemid=\"https:\/\/www.psib-psoe.org\/mallorca\/el-grup-socialista-alerta-de-la-possible-illegalitat-de-lescut-racial-imposat-per-vox-i-assumit-pel-pp-al-consell-de-mallorca\/\">\n\t<\/aside>\n\t\t<\/article>\n<\/div>\n<div class=\"small-12 large-4 columns\">\n\t<article itemscope itemtype=\"http:\/\/schema.org\/Article\" class=\"post blog-style7 alt post-31428 type-post status-publish format-standard has-post-thumbnail hentry category-federacio-de-mallorca category-federacio-de-mallorca-portada category-municipis category-portada tag-amanda-fernandez tag-ares-fernandez tag-bea-gamundi tag-cataliina-cladera tag-catalina-cladera tag-federacio-socialista-de-mallorca tag-iago-negueruela tag-jaume-mateu tag-joana-maria-adrover tag-psib-psoe\" role=\"article\">\n\t\t<figure class=\"post-gallery\"><img loading=\"lazy\" decoding=\"async\" width=\"600\" height=\"400\" src=\"https:\/\/www.psib-psoe.org\/mallorca\/wp-content\/uploads\/Ple-120226-2-edited-600x400.jpeg\" class=\"attachment-notio-general-x2 size-notio-general-x2 wp-post-image\" alt=\"\" srcset=\"https:\/\/www.psib-psoe.org\/mallorca\/wp-content\/uploads\/Ple-120226-2-edited-600x400.jpeg 600w, https:\/\/www.psib-psoe.org\/mallorca\/wp-content\/uploads\/Ple-120226-2-edited-300x200.jpeg 300w, https:\/\/www.psib-psoe.org\/mallorca\/wp-content\/uploads\/Ple-120226-2-edited-900x600.jpeg 900w, https:\/\/www.psib-psoe.org\/mallorca\/wp-content\/uploads\/Ple-120226-2-edited-20x13.jpeg 20w\" sizes=\"(max-width: 600px) 100vw, 600px\" \/><\/figure>\n\t\t<div class=\"blog-top\">\n\t\t\t<header class=\"post-title entry-header\">\n\t\t\t\t<aside class=\"post-meta cf\">\n\t\t27\/04\/2026 \/ <a href=\"https:\/\/www.psib-psoe.org\/mallorca\/category\/federacio-de-mallorca\/\" rel=\"category tag\">Federaci\u00f3 de Mallorca<\/a>, <a href=\"https:\/\/www.psib-psoe.org\/mallorca\/category\/federacio-de-mallorca-portada\/\" rel=\"category tag\">Federaci\u00f3 de Mallorca - Portada<\/a>, <a href=\"https:\/\/www.psib-psoe.org\/mallorca\/category\/municipis\/\" rel=\"category tag\">Municipis<\/a>, <a href=\"https:\/\/www.psib-psoe.org\/mallorca\/category\/portada\/\" rel=\"category tag\">Portada<\/a><\/aside>\n\t\t\t\t<h3 itemprop=\"headline\"><a href=\"https:\/\/www.psib-psoe.org\/mallorca\/ppvox-al-consell-vol-aprovar-les-mesures-racistes-descut-social-en-un-ple-extraordinari-convocat-per-dema-dimarts\/\" title=\"PPVox al Consell vol aprovar les mesures racistes d\u2019escut social en un ple extraordinari convocat per dem\u00e0 dimarts.\">PPVox al Consell vol aprovar les mesures racistes d\u2019escut social en un ple extraordinari convocat per dem\u00e0 dimarts.<\/a><\/h3>\n\t\t\t<\/header>\n\t\t<\/div>\n\t\t<div class=\"post-content\">\n\t\t\t<a href=\"https:\/\/www.psib-psoe.org\/mallorca\/ppvox-al-consell-vol-aprovar-les-mesures-racistes-descut-social-en-un-ple-extraordinari-convocat-per-dema-dimarts\/\" class=\"more-link\">Read More<\/a>\n\t\t<\/div>\n\t\t\t<aside class=\"post-bottom-meta hide\">\n\t\t<strong rel=\"author\" itemprop=\"author\" class=\"author vcard\"><span class=\"fn\">Albert<\/span><\/strong>\n\t\t<time class=\"date published time\" datetime=\"2026-04-27T17:06:03+02:00\" itemprop=\"datePublished\" content=\"2026-04-27T17:06:03+02:00\">5 dies ago<\/time>\n\t\t<meta itemprop=\"dateModified\" class=\"date updated\" content=\"2026-04-27T17:06:05+02:00\">\n\t\t<span class=\"hide\" itemprop=\"publisher\" itemscope itemtype=\"https:\/\/schema.org\/Organization\">\n\t\t\t<meta itemprop=\"name\" content=\"SocialistesdMca\">\n\t\t\t<span itemprop=\"logo\" itemscope itemtype=\"https:\/\/schema.org\/ImageObject\">\n\t\t\t\t<meta itemprop=\"url\" content=\"https:\/\/www.psib-psoe.org\/mallorca\/wp-content\/themes\/notio-wp\/assets\/img\/logo.png\">\n\t\t\t<\/span>\n\t\t\t<meta itemprop=\"url\" content=\"https:\/\/www.psib-psoe.org\/mallorca\/\">\n\t\t<\/span>\n\t\t\t\t<span class=\"hide\" itemprop=\"image\" itemscope itemtype=\"http:\/\/schema.org\/ImageObject\">\n\t\t\t<meta itemprop=\"url\" content=\"https:\/\/www.psib-psoe.org\/mallorca\/wp-content\/uploads\/Ple-120226-2-edited.jpeg\">\n\t\t\t<meta itemprop=\"width\" content=\"1600\">\n\t\t\t<meta itemprop=\"height\" content=\"900\">\n\t\t<\/span>\n\t\t\t\t<meta itemscope itemprop=\"mainEntityOfPage\" itemtype=\"https:\/\/schema.org\/WebPage\" itemid=\"https:\/\/www.psib-psoe.org\/mallorca\/ppvox-al-consell-vol-aprovar-les-mesures-racistes-descut-social-en-un-ple-extraordinari-convocat-per-dema-dimarts\/\">\n\t<\/aside>\n\t\t<\/article>\n<\/div>\n<div class=\"small-12 large-4 columns\">\n\t<article itemscope itemtype=\"http:\/\/schema.org\/Article\" class=\"post blog-style7 alt post-31424 type-post status-publish format-standard has-post-thumbnail hentry category-federacio-de-mallorca category-federacio-de-mallorca-portada category-municipis category-portada tag-amanda-fernandez tag-ares-fernandez tag-bea-gamundi tag-cataliina-cladera tag-catalina-cladera tag-federacio-socialista-de-mallorca tag-iago-negueruela tag-jaume-mateu tag-psib-psoe\" role=\"article\">\n\t\t<figure class=\"post-gallery\"><img loading=\"lazy\" decoding=\"async\" width=\"600\" height=\"400\" src=\"https:\/\/www.psib-psoe.org\/mallorca\/wp-content\/uploads\/Reunio-escut-social-Govern-600x400.jpeg\" class=\"attachment-notio-general-x2 size-notio-general-x2 wp-post-image\" alt=\"\" srcset=\"https:\/\/www.psib-psoe.org\/mallorca\/wp-content\/uploads\/Reunio-escut-social-Govern-600x400.jpeg 600w, https:\/\/www.psib-psoe.org\/mallorca\/wp-content\/uploads\/Reunio-escut-social-Govern-300x200.jpeg 300w, https:\/\/www.psib-psoe.org\/mallorca\/wp-content\/uploads\/Reunio-escut-social-Govern-900x600.jpeg 900w, https:\/\/www.psib-psoe.org\/mallorca\/wp-content\/uploads\/Reunio-escut-social-Govern-20x13.jpeg 20w\" sizes=\"(max-width: 600px) 100vw, 600px\" \/><\/figure>\n\t\t<div class=\"blog-top\">\n\t\t\t<header class=\"post-title entry-header\">\n\t\t\t\t<aside class=\"post-meta cf\">\n\t\t27\/04\/2026 \/ <a href=\"https:\/\/www.psib-psoe.org\/mallorca\/category\/federacio-de-mallorca\/\" rel=\"category tag\">Federaci\u00f3 de Mallorca<\/a>, <a href=\"https:\/\/www.psib-psoe.org\/mallorca\/category\/federacio-de-mallorca-portada\/\" rel=\"category tag\">Federaci\u00f3 de Mallorca - Portada<\/a>, <a href=\"https:\/\/www.psib-psoe.org\/mallorca\/category\/municipis\/\" rel=\"category tag\">Municipis<\/a>, <a href=\"https:\/\/www.psib-psoe.org\/mallorca\/category\/portada\/\" rel=\"category tag\">Portada<\/a><\/aside>\n\t\t\t\t<h3 itemprop=\"headline\"><a href=\"https:\/\/www.psib-psoe.org\/mallorca\/el-psib-psoe-veu-molt-dificil-donar-suport-a-cap-mesura-descut-social-discriminatoria-i-racista-que-deixi-persones-desprotegides-i-presenta-un-conjunt-de-mesures-alte\/\" title=\"El PSIB PSOE veu \u201cmolt dif\u00edcil\u201c donar suport a cap mesura d\u2019escut social \u00a0discriminat\u00f2ria i racista que deixi persones desprotegides, i presenta un conjunt de mesures alternatives al Govern.\">El PSIB PSOE veu \u201cmolt dif\u00edcil\u201c donar suport a cap mesura d\u2019escut social \u00a0discriminat\u00f2ria i racista que deixi persones desprotegides, i presenta un conjunt de mesures alternatives al Govern.<\/a><\/h3>\n\t\t\t<\/header>\n\t\t<\/div>\n\t\t<div class=\"post-content\">\n\t\t\t<a href=\"https:\/\/www.psib-psoe.org\/mallorca\/el-psib-psoe-veu-molt-dificil-donar-suport-a-cap-mesura-descut-social-discriminatoria-i-racista-que-deixi-persones-desprotegides-i-presenta-un-conjunt-de-mesures-alte\/\" class=\"more-link\">Read More<\/a>\n\t\t<\/div>\n\t\t\t<aside class=\"post-bottom-meta hide\">\n\t\t<strong rel=\"author\" itemprop=\"author\" class=\"author vcard\"><span class=\"fn\">Albert<\/span><\/strong>\n\t\t<time class=\"date published time\" datetime=\"2026-04-27T12:59:57+02:00\" itemprop=\"datePublished\" content=\"2026-04-27T12:59:57+02:00\">5 dies ago<\/time>\n\t\t<meta itemprop=\"dateModified\" class=\"date updated\" content=\"2026-04-27T12:59:59+02:00\">\n\t\t<span class=\"hide\" itemprop=\"publisher\" itemscope itemtype=\"https:\/\/schema.org\/Organization\">\n\t\t\t<meta itemprop=\"name\" content=\"SocialistesdMca\">\n\t\t\t<span itemprop=\"logo\" itemscope itemtype=\"https:\/\/schema.org\/ImageObject\">\n\t\t\t\t<meta itemprop=\"url\" content=\"https:\/\/www.psib-psoe.org\/mallorca\/wp-content\/themes\/notio-wp\/assets\/img\/logo.png\">\n\t\t\t<\/span>\n\t\t\t<meta itemprop=\"url\" content=\"https:\/\/www.psib-psoe.org\/mallorca\/\">\n\t\t<\/span>\n\t\t\t\t<span class=\"hide\" itemprop=\"image\" itemscope itemtype=\"http:\/\/schema.org\/ImageObject\">\n\t\t\t<meta itemprop=\"url\" content=\"https:\/\/www.psib-psoe.org\/mallorca\/wp-content\/uploads\/Reunio-escut-social-Govern.jpeg\">\n\t\t\t<meta itemprop=\"width\" content=\"1600\">\n\t\t\t<meta itemprop=\"height\" content=\"1200\">\n\t\t<\/span>\n\t\t\t\t<meta itemscope itemprop=\"mainEntityOfPage\" itemtype=\"https:\/\/schema.org\/WebPage\" itemid=\"https:\/\/www.psib-psoe.org\/mallorca\/el-psib-psoe-veu-molt-dificil-donar-suport-a-cap-mesura-descut-social-discriminatoria-i-racista-que-deixi-persones-desprotegides-i-presenta-un-conjunt-de-mesures-alte\/\">\n\t<\/aside>\n\t\t<\/article>\n<\/div>\n<div class=\"small-12 large-4 columns\">\n\t<article itemscope itemtype=\"http:\/\/schema.org\/Article\" class=\"post blog-style7 alt post-31421 type-post status-publish format-standard has-post-thumbnail hentry category-federacio-de-mallorca category-federacio-de-mallorca-portada category-municipis category-portada tag-amanda-fernandez tag-ares-fernandez tag-bea-gamundi tag-cataliina-cladera tag-catalina-cladera tag-federacio-socialista-de-mallorca tag-jaume-mateu tag-mercedes-garrido tag-psib-psoe tag-xisco-arrom\" role=\"article\">\n\t\t<figure class=\"post-gallery\"><img loading=\"lazy\" decoding=\"async\" width=\"600\" height=\"400\" src=\"https:\/\/www.psib-psoe.org\/mallorca\/wp-content\/uploads\/Grup-ple-120326-1-600x400.jpeg\" class=\"attachment-notio-general-x2 size-notio-general-x2 wp-post-image\" alt=\"\" srcset=\"https:\/\/www.psib-psoe.org\/mallorca\/wp-content\/uploads\/Grup-ple-120326-1-600x400.jpeg 600w, https:\/\/www.psib-psoe.org\/mallorca\/wp-content\/uploads\/Grup-ple-120326-1-300x200.jpeg 300w, https:\/\/www.psib-psoe.org\/mallorca\/wp-content\/uploads\/Grup-ple-120326-1-20x13.jpeg 20w\" sizes=\"(max-width: 600px) 100vw, 600px\" \/><\/figure>\n\t\t<div class=\"blog-top\">\n\t\t\t<header class=\"post-title entry-header\">\n\t\t\t\t<aside class=\"post-meta cf\">\n\t\t25\/04\/2026 \/ <a href=\"https:\/\/www.psib-psoe.org\/mallorca\/category\/federacio-de-mallorca\/\" rel=\"category tag\">Federaci\u00f3 de Mallorca<\/a>, <a href=\"https:\/\/www.psib-psoe.org\/mallorca\/category\/federacio-de-mallorca-portada\/\" rel=\"category tag\">Federaci\u00f3 de Mallorca - Portada<\/a>, <a href=\"https:\/\/www.psib-psoe.org\/mallorca\/category\/municipis\/\" rel=\"category tag\">Municipis<\/a>, <a href=\"https:\/\/www.psib-psoe.org\/mallorca\/category\/portada\/\" rel=\"category tag\">Portada<\/a><\/aside>\n\t\t\t\t<h3 itemprop=\"headline\"><a href=\"https:\/\/www.psib-psoe.org\/mallorca\/el-psib-psoe-acusa-galmes-de-cedir-davant-vox-i-posa-en-risc-lescut-social-de-mallorca\/\" title=\"El PSIB-PSOE acusa Galm\u00e9s de cedir davant Vox i posa en risc l\u2019escut social de Mallorca.\">El PSIB-PSOE acusa Galm\u00e9s de cedir davant Vox i posa en risc l\u2019escut social de Mallorca.<\/a><\/h3>\n\t\t\t<\/header>\n\t\t<\/div>\n\t\t<div class=\"post-content\">\n\t\t\t<a href=\"https:\/\/www.psib-psoe.org\/mallorca\/el-psib-psoe-acusa-galmes-de-cedir-davant-vox-i-posa-en-risc-lescut-social-de-mallorca\/\" class=\"more-link\">Read More<\/a>\n\t\t<\/div>\n\t\t\t<aside class=\"post-bottom-meta hide\">\n\t\t<strong rel=\"author\" itemprop=\"author\" class=\"author vcard\"><span class=\"fn\">Albert<\/span><\/strong>\n\t\t<time class=\"date published time\" datetime=\"2026-04-25T10:46:43+02:00\" itemprop=\"datePublished\" content=\"2026-04-25T10:46:43+02:00\">1 setmana ago<\/time>\n\t\t<meta itemprop=\"dateModified\" class=\"date updated\" content=\"2026-04-25T10:46:46+02:00\">\n\t\t<span class=\"hide\" itemprop=\"publisher\" itemscope itemtype=\"https:\/\/schema.org\/Organization\">\n\t\t\t<meta itemprop=\"name\" content=\"SocialistesdMca\">\n\t\t\t<span itemprop=\"logo\" itemscope itemtype=\"https:\/\/schema.org\/ImageObject\">\n\t\t\t\t<meta itemprop=\"url\" content=\"https:\/\/www.psib-psoe.org\/mallorca\/wp-content\/themes\/notio-wp\/assets\/img\/logo.png\">\n\t\t\t<\/span>\n\t\t\t<meta itemprop=\"url\" content=\"https:\/\/www.psib-psoe.org\/mallorca\/\">\n\t\t<\/span>\n\t\t\t\t<span class=\"hide\" itemprop=\"image\" itemscope itemtype=\"http:\/\/schema.org\/ImageObject\">\n\t\t\t<meta itemprop=\"url\" content=\"https:\/\/www.psib-psoe.org\/mallorca\/wp-content\/uploads\/Grup-ple-120326-1.jpeg\">\n\t\t\t<meta itemprop=\"width\" content=\"1024\">\n\t\t\t<meta itemprop=\"height\" content=\"497\">\n\t\t<\/span>\n\t\t\t\t<meta itemscope itemprop=\"mainEntityOfPage\" itemtype=\"https:\/\/schema.org\/WebPage\" itemid=\"https:\/\/www.psib-psoe.org\/mallorca\/el-psib-psoe-acusa-galmes-de-cedir-davant-vox-i-posa-en-risc-lescut-social-de-mallorca\/\">\n\t<\/aside>\n\t\t<\/article>\n<\/div>\n<div class=\"small-12 large-4 columns\">\n\t<article itemscope itemtype=\"http:\/\/schema.org\/Article\" class=\"post blog-style7 alt post-31417 type-post status-publish format-standard has-post-thumbnail hentry category-federacio-de-mallorca category-federacio-de-mallorca-portada category-municipis category-portada tag-amanda-fernandez tag-ares-fernandez tag-bea-gamundi tag-federacio-socialista-de-mallorca tag-jaume-mateu tag-mercedes-garrido tag-psib-psoe tag-rafel-oliver tag-toni-moreno tag-xisco-arrom\" role=\"article\">\n\t\t<figure class=\"post-gallery\"><img loading=\"lazy\" decoding=\"async\" width=\"600\" height=\"400\" src=\"https:\/\/www.psib-psoe.org\/mallorca\/wp-content\/uploads\/Captura-de-pantalla-2026-04-24-223924-600x400.png\" class=\"attachment-notio-general-x2 size-notio-general-x2 wp-post-image\" alt=\"\" srcset=\"https:\/\/www.psib-psoe.org\/mallorca\/wp-content\/uploads\/Captura-de-pantalla-2026-04-24-223924-600x400.png 600w, https:\/\/www.psib-psoe.org\/mallorca\/wp-content\/uploads\/Captura-de-pantalla-2026-04-24-223924-300x200.png 300w, https:\/\/www.psib-psoe.org\/mallorca\/wp-content\/uploads\/Captura-de-pantalla-2026-04-24-223924-20x13.png 20w, https:\/\/www.psib-psoe.org\/mallorca\/wp-content\/uploads\/Captura-de-pantalla-2026-04-24-223924-900x600.png 900w\" sizes=\"(max-width: 600px) 100vw, 600px\" \/><\/figure>\n\t\t<div class=\"blog-top\">\n\t\t\t<header class=\"post-title entry-header\">\n\t\t\t\t<aside class=\"post-meta cf\">\n\t\t24\/04\/2026 \/ <a href=\"https:\/\/www.psib-psoe.org\/mallorca\/category\/federacio-de-mallorca\/\" rel=\"category tag\">Federaci\u00f3 de Mallorca<\/a>, <a href=\"https:\/\/www.psib-psoe.org\/mallorca\/category\/federacio-de-mallorca-portada\/\" rel=\"category tag\">Federaci\u00f3 de Mallorca - Portada<\/a>, <a href=\"https:\/\/www.psib-psoe.org\/mallorca\/category\/municipis\/\" rel=\"category tag\">Municipis<\/a>, <a href=\"https:\/\/www.psib-psoe.org\/mallorca\/category\/portada\/\" rel=\"category tag\">Portada<\/a><\/aside>\n\t\t\t\t<h3 itemprop=\"headline\"><a href=\"https:\/\/www.psib-psoe.org\/mallorca\/el-grup-socialista-al-consell-de-mallorca-alerta-de-les-greus-i-nombroses-prescripcions-detectades-en-el-projecte-de-planejament-urbanistic-de-maria-de-la-salut\/\" title=\"El Grup Socialista al Consell de Mallorca alerta de les \u201cgreus i nombroses prescripcions\u201d detectades en el projecte de planejament urban\u00edstic de Maria de la Salut.\">El Grup Socialista al Consell de Mallorca alerta de les \u201cgreus i nombroses prescripcions\u201d detectades en el projecte de planejament urban\u00edstic de Maria de la Salut.<\/a><\/h3>\n\t\t\t<\/header>\n\t\t<\/div>\n\t\t<div class=\"post-content\">\n\t\t\t<a href=\"https:\/\/www.psib-psoe.org\/mallorca\/el-grup-socialista-al-consell-de-mallorca-alerta-de-les-greus-i-nombroses-prescripcions-detectades-en-el-projecte-de-planejament-urbanistic-de-maria-de-la-salut\/\" class=\"more-link\">Read More<\/a>\n\t\t<\/div>\n\t\t\t<aside class=\"post-bottom-meta hide\">\n\t\t<strong rel=\"author\" itemprop=\"author\" class=\"author vcard\"><span class=\"fn\">Albert<\/span><\/strong>\n\t\t<time class=\"date published time\" datetime=\"2026-04-24T22:49:37+02:00\" itemprop=\"datePublished\" content=\"2026-04-24T22:49:37+02:00\">1 setmana ago<\/time>\n\t\t<meta itemprop=\"dateModified\" class=\"date updated\" content=\"2026-04-24T22:49:38+02:00\">\n\t\t<span class=\"hide\" itemprop=\"publisher\" itemscope itemtype=\"https:\/\/schema.org\/Organization\">\n\t\t\t<meta itemprop=\"name\" content=\"SocialistesdMca\">\n\t\t\t<span itemprop=\"logo\" itemscope itemtype=\"https:\/\/schema.org\/ImageObject\">\n\t\t\t\t<meta itemprop=\"url\" content=\"https:\/\/www.psib-psoe.org\/mallorca\/wp-content\/themes\/notio-wp\/assets\/img\/logo.png\">\n\t\t\t<\/span>\n\t\t\t<meta itemprop=\"url\" content=\"https:\/\/www.psib-psoe.org\/mallorca\/\">\n\t\t<\/span>\n\t\t\t\t<span class=\"hide\" itemprop=\"image\" itemscope itemtype=\"http:\/\/schema.org\/ImageObject\">\n\t\t\t<meta itemprop=\"url\" content=\"https:\/\/www.psib-psoe.org\/mallorca\/wp-content\/uploads\/Captura-de-pantalla-2026-04-24-223924.png\">\n\t\t\t<meta itemprop=\"width\" content=\"1829\">\n\t\t\t<meta itemprop=\"height\" content=\"1144\">\n\t\t<\/span>\n\t\t\t\t<meta itemscope itemprop=\"mainEntityOfPage\" itemtype=\"https:\/\/schema.org\/WebPage\" itemid=\"https:\/\/www.psib-psoe.org\/mallorca\/el-grup-socialista-al-consell-de-mallorca-alerta-de-les-greus-i-nombroses-prescripcions-detectades-en-el-projecte-de-planejament-urbanistic-de-maria-de-la-salut\/\">\n\t<\/aside>\n\t\t<\/article>\n<\/div>\n<div class=\"small-12 large-4 columns\">\n\t<article itemscope itemtype=\"http:\/\/schema.org\/Article\" class=\"post blog-style7 alt post-31412 type-post status-publish format-standard has-post-thumbnail hentry category-federacio-de-mallorca category-federacio-de-mallorca-portada category-municipis category-portada tag-agrupacio-socialsita-de-calvia tag-amanda-fernandez tag-andreu-serra tag-ares-fernandez tag-bea-gamundi tag-biel-alomar tag-catalina-cladera tag-federacio-socialista-de-mallorca tag-jaume-mateu tag-joan-ferrer tag-joan-mendez-2 tag-juana-m-adrover tag-mercedes-garrido tag-nati-frances tag-omar-lamin tag-sofia-alonso\" role=\"article\">\n\t\t<figure class=\"post-gallery\"><img loading=\"lazy\" decoding=\"async\" width=\"600\" height=\"400\" src=\"https:\/\/www.psib-psoe.org\/mallorca\/wp-content\/uploads\/Nati-i-Cati-Fons-Calvia-600x400.jpg\" class=\"attachment-notio-general-x2 size-notio-general-x2 wp-post-image\" alt=\"\" srcset=\"https:\/\/www.psib-psoe.org\/mallorca\/wp-content\/uploads\/Nati-i-Cati-Fons-Calvia-600x400.jpg 600w, https:\/\/www.psib-psoe.org\/mallorca\/wp-content\/uploads\/Nati-i-Cati-Fons-Calvia-300x200.jpg 300w, https:\/\/www.psib-psoe.org\/mallorca\/wp-content\/uploads\/Nati-i-Cati-Fons-Calvia-900x600.jpg 900w, https:\/\/www.psib-psoe.org\/mallorca\/wp-content\/uploads\/Nati-i-Cati-Fons-Calvia-20x13.jpg 20w\" sizes=\"(max-width: 600px) 100vw, 600px\" \/><\/figure>\n\t\t<div class=\"blog-top\">\n\t\t\t<header class=\"post-title entry-header\">\n\t\t\t\t<aside class=\"post-meta cf\">\n\t\t24\/04\/2026 \/ <a href=\"https:\/\/www.psib-psoe.org\/mallorca\/category\/federacio-de-mallorca\/\" rel=\"category tag\">Federaci\u00f3 de Mallorca<\/a>, <a href=\"https:\/\/www.psib-psoe.org\/mallorca\/category\/federacio-de-mallorca-portada\/\" rel=\"category tag\">Federaci\u00f3 de Mallorca - Portada<\/a>, <a href=\"https:\/\/www.psib-psoe.org\/mallorca\/category\/municipis\/\" rel=\"category tag\">Municipis<\/a>, <a href=\"https:\/\/www.psib-psoe.org\/mallorca\/category\/portada\/\" rel=\"category tag\">Portada<\/a><\/aside>\n\t\t\t\t<h3 itemprop=\"headline\"><a href=\"https:\/\/www.psib-psoe.org\/mallorca\/el-psib-psoe-exigeix-a-galmes-que-sigui-valent-i-impedeixi-la-sortida-de-calvia-del-fons-mallorqui-de-cooperacio\/\" title=\"El PSIB-PSOE exigeix a Galm\u00e9s que sigui \u201cvalent\u201d i impedeixi la sortida de Calvi\u00e0 del Fons Mallorqu\u00ed de Cooperaci\u00f3.\">El PSIB-PSOE exigeix a Galm\u00e9s que sigui \u201cvalent\u201d i impedeixi la sortida de Calvi\u00e0 del Fons Mallorqu\u00ed de Cooperaci\u00f3.<\/a><\/h3>\n\t\t\t<\/header>\n\t\t<\/div>\n\t\t<div class=\"post-content\">\n\t\t\t<a href=\"https:\/\/www.psib-psoe.org\/mallorca\/el-psib-psoe-exigeix-a-galmes-que-sigui-valent-i-impedeixi-la-sortida-de-calvia-del-fons-mallorqui-de-cooperacio\/\" class=\"more-link\">Read More<\/a>\n\t\t<\/div>\n\t\t\t<aside class=\"post-bottom-meta hide\">\n\t\t<strong rel=\"author\" itemprop=\"author\" class=\"author vcard\"><span class=\"fn\">Albert<\/span><\/strong>\n\t\t<time class=\"date published time\" datetime=\"2026-04-24T12:00:14+02:00\" itemprop=\"datePublished\" content=\"2026-04-24T12:00:14+02:00\">1 setmana ago<\/time>\n\t\t<meta itemprop=\"dateModified\" class=\"date updated\" content=\"2026-04-24T12:00:17+02:00\">\n\t\t<span class=\"hide\" itemprop=\"publisher\" itemscope itemtype=\"https:\/\/schema.org\/Organization\">\n\t\t\t<meta itemprop=\"name\" content=\"SocialistesdMca\">\n\t\t\t<span itemprop=\"logo\" itemscope itemtype=\"https:\/\/schema.org\/ImageObject\">\n\t\t\t\t<meta itemprop=\"url\" content=\"https:\/\/www.psib-psoe.org\/mallorca\/wp-content\/themes\/notio-wp\/assets\/img\/logo.png\">\n\t\t\t<\/span>\n\t\t\t<meta itemprop=\"url\" content=\"https:\/\/www.psib-psoe.org\/mallorca\/\">\n\t\t<\/span>\n\t\t\t\t<span class=\"hide\" itemprop=\"image\" itemscope itemtype=\"http:\/\/schema.org\/ImageObject\">\n\t\t\t<meta itemprop=\"url\" content=\"https:\/\/www.psib-psoe.org\/mallorca\/wp-content\/uploads\/Nati-i-Cati-Fons-Calvia-scaled.jpg\">\n\t\t\t<meta itemprop=\"width\" content=\"2560\">\n\t\t\t<meta itemprop=\"height\" content=\"1920\">\n\t\t<\/span>\n\t\t\t\t<meta itemscope itemprop=\"mainEntityOfPage\" itemtype=\"https:\/\/schema.org\/WebPage\" itemid=\"https:\/\/www.psib-psoe.org\/mallorca\/el-psib-psoe-exigeix-a-galmes-que-sigui-valent-i-impedeixi-la-sortida-de-calvia-del-fons-mallorqui-de-cooperacio\/\">\n\t<\/aside>\n\t\t<\/article>\n<\/div>\n<div class=\"small-12 large-4 columns\">\n\t<article itemscope itemtype=\"http:\/\/schema.org\/Article\" class=\"post blog-style7 alt post-31367 type-post status-publish format-standard has-post-thumbnail hentry category-federacio-de-mallorca category-federacio-de-mallorca-portada category-municipis category-portada tag-amanda-fernandez tag-andreu-serra tag-ares-fernandez tag-bea-gamundi tag-biel-alomar tag-catalina-cladera tag-federacio-socialista-de-mallorca tag-jaume-mateu tag-joan-ferrer tag-joan-mendez-2 tag-juana-m-adrover tag-mercedes-garrido tag-omar-lamin tag-sofia-alonso\" role=\"article\">\n\t\t<figure class=\"post-gallery\"><img loading=\"lazy\" decoding=\"async\" width=\"600\" height=\"400\" src=\"https:\/\/www.psib-psoe.org\/mallorca\/wp-content\/uploads\/Mateu-rdp-1-1-edited-600x400.jpeg\" class=\"attachment-notio-general-x2 size-notio-general-x2 wp-post-image\" alt=\"\" srcset=\"https:\/\/www.psib-psoe.org\/mallorca\/wp-content\/uploads\/Mateu-rdp-1-1-edited-600x400.jpeg 600w, https:\/\/www.psib-psoe.org\/mallorca\/wp-content\/uploads\/Mateu-rdp-1-1-edited-300x200.jpeg 300w, https:\/\/www.psib-psoe.org\/mallorca\/wp-content\/uploads\/Mateu-rdp-1-1-edited-900x600.jpeg 900w, https:\/\/www.psib-psoe.org\/mallorca\/wp-content\/uploads\/Mateu-rdp-1-1-edited-20x13.jpeg 20w\" sizes=\"(max-width: 600px) 100vw, 600px\" \/><\/figure>\n\t\t<div class=\"blog-top\">\n\t\t\t<header class=\"post-title entry-header\">\n\t\t\t\t<aside class=\"post-meta cf\">\n\t\t21\/04\/2026 \/ <a href=\"https:\/\/www.psib-psoe.org\/mallorca\/category\/federacio-de-mallorca\/\" rel=\"category tag\">Federaci\u00f3 de Mallorca<\/a>, <a href=\"https:\/\/www.psib-psoe.org\/mallorca\/category\/federacio-de-mallorca-portada\/\" rel=\"category tag\">Federaci\u00f3 de Mallorca - Portada<\/a>, <a href=\"https:\/\/www.psib-psoe.org\/mallorca\/category\/municipis\/\" rel=\"category tag\">Municipis<\/a>, <a href=\"https:\/\/www.psib-psoe.org\/mallorca\/category\/portada\/\" rel=\"category tag\">Portada<\/a><\/aside>\n\t\t\t\t<h3 itemprop=\"headline\"><a href=\"https:\/\/www.psib-psoe.org\/mallorca\/lesperpent-especulatiu-del-pp-el-camp-de-polo-de-campos-legalitzat-per-mandat-directe-de-prohens-i-sagreras-lany-passat-assumeix-ara-una-sancio-de-ladt-per-valor-de-400-0\/\" title=\"L\u2019esperpent especulatiu del PP: el Camp de polo de Campos, legalitzat per mandat directe de Prohens i Sagreras l\u2019any passat, assumeix ara una sanci\u00f3 de l\u2019ADT per valor de 400.000 \u20ac.\">L\u2019esperpent especulatiu del PP: el Camp de polo de Campos, legalitzat per mandat directe de Prohens i Sagreras l\u2019any passat, assumeix ara una sanci\u00f3 de l\u2019ADT per valor de 400.000 \u20ac.<\/a><\/h3>\n\t\t\t<\/header>\n\t\t<\/div>\n\t\t<div class=\"post-content\">\n\t\t\t<a href=\"https:\/\/www.psib-psoe.org\/mallorca\/lesperpent-especulatiu-del-pp-el-camp-de-polo-de-campos-legalitzat-per-mandat-directe-de-prohens-i-sagreras-lany-passat-assumeix-ara-una-sancio-de-ladt-per-valor-de-400-0\/\" class=\"more-link\">Read More<\/a>\n\t\t<\/div>\n\t\t\t<aside class=\"post-bottom-meta hide\">\n\t\t<strong rel=\"author\" itemprop=\"author\" class=\"author vcard\"><span class=\"fn\">Albert<\/span><\/strong>\n\t\t<time class=\"date published time\" datetime=\"2026-04-21T10:26:18+02:00\" itemprop=\"datePublished\" content=\"2026-04-21T10:26:18+02:00\">2 setmanes ago<\/time>\n\t\t<meta itemprop=\"dateModified\" class=\"date updated\" content=\"2026-04-21T10:27:45+02:00\">\n\t\t<span class=\"hide\" itemprop=\"publisher\" itemscope itemtype=\"https:\/\/schema.org\/Organization\">\n\t\t\t<meta itemprop=\"name\" content=\"SocialistesdMca\">\n\t\t\t<span itemprop=\"logo\" itemscope itemtype=\"https:\/\/schema.org\/ImageObject\">\n\t\t\t\t<meta itemprop=\"url\" content=\"https:\/\/www.psib-psoe.org\/mallorca\/wp-content\/themes\/notio-wp\/assets\/img\/logo.png\">\n\t\t\t<\/span>\n\t\t\t<meta itemprop=\"url\" content=\"https:\/\/www.psib-psoe.org\/mallorca\/\">\n\t\t<\/span>\n\t\t\t\t<span class=\"hide\" itemprop=\"image\" itemscope itemtype=\"http:\/\/schema.org\/ImageObject\">\n\t\t\t<meta itemprop=\"url\" content=\"https:\/\/www.psib-psoe.org\/mallorca\/wp-content\/uploads\/Mateu-rdp-1-1-edited.jpeg\">\n\t\t\t<meta itemprop=\"width\" content=\"1200\">\n\t\t\t<meta itemprop=\"height\" content=\"675\">\n\t\t<\/span>\n\t\t\t\t<meta itemscope itemprop=\"mainEntityOfPage\" itemtype=\"https:\/\/schema.org\/WebPage\" itemid=\"https:\/\/www.psib-psoe.org\/mallorca\/lesperpent-especulatiu-del-pp-el-camp-de-polo-de-campos-legalitzat-per-mandat-directe-de-prohens-i-sagreras-lany-passat-assumeix-ara-una-sancio-de-ladt-per-valor-de-400-0\/\">\n\t<\/aside>\n\t\t<\/article>\n<\/div>\n<div class=\"small-12 large-4 columns\">\n\t<article itemscope itemtype=\"http:\/\/schema.org\/Article\" class=\"post blog-style7 alt post-31344 type-post status-publish format-standard has-post-thumbnail hentry category-federacio-de-mallorca category-federacio-de-mallorca-portada category-municipis category-portada tag-amanda-fernandez tag-ares-fernandez tag-bea-gamundi tag-guillem-ensenyat tag-jaume-mateu tag-joan-mendez-2 tag-mercedes-garrido tag-per-estellencs tag-psib-psoe\" role=\"article\">\n\t\t<figure class=\"post-gallery\"><img loading=\"lazy\" decoding=\"async\" width=\"600\" height=\"400\" src=\"https:\/\/www.psib-psoe.org\/mallorca\/wp-content\/uploads\/Assemblea-Per-Estellencs-3-edited-600x400.jpeg\" class=\"attachment-notio-general-x2 size-notio-general-x2 wp-post-image\" alt=\"\" srcset=\"https:\/\/www.psib-psoe.org\/mallorca\/wp-content\/uploads\/Assemblea-Per-Estellencs-3-edited-600x400.jpeg 600w, https:\/\/www.psib-psoe.org\/mallorca\/wp-content\/uploads\/Assemblea-Per-Estellencs-3-edited-300x200.jpeg 300w, https:\/\/www.psib-psoe.org\/mallorca\/wp-content\/uploads\/Assemblea-Per-Estellencs-3-edited-900x600.jpeg 900w, https:\/\/www.psib-psoe.org\/mallorca\/wp-content\/uploads\/Assemblea-Per-Estellencs-3-edited-20x13.jpeg 20w\" sizes=\"(max-width: 600px) 100vw, 600px\" \/><\/figure>\n\t\t<div class=\"blog-top\">\n\t\t\t<header class=\"post-title entry-header\">\n\t\t\t\t<aside class=\"post-meta cf\">\n\t\t20\/04\/2026 \/ <a href=\"https:\/\/www.psib-psoe.org\/mallorca\/category\/federacio-de-mallorca\/\" rel=\"category tag\">Federaci\u00f3 de Mallorca<\/a>, <a href=\"https:\/\/www.psib-psoe.org\/mallorca\/category\/federacio-de-mallorca-portada\/\" rel=\"category tag\">Federaci\u00f3 de Mallorca - Portada<\/a>, <a href=\"https:\/\/www.psib-psoe.org\/mallorca\/category\/municipis\/\" rel=\"category tag\">Municipis<\/a>, <a href=\"https:\/\/www.psib-psoe.org\/mallorca\/category\/portada\/\" rel=\"category tag\">Portada<\/a><\/aside>\n\t\t\t\t<h3 itemprop=\"headline\"><a href=\"https:\/\/www.psib-psoe.org\/mallorca\/lassemblea-sobre-el-pla-general-destellencs-omple-la-sala-i-reforca-la-demanda-dun-debat-public-informat\/\" title=\"L\u2019assemblea sobre el Pla General d\u2019Estellencs omple la sala i refor\u00e7a la demanda d\u2019un debat p\u00fablic informat.\">L\u2019assemblea sobre el Pla General d\u2019Estellencs omple la sala i refor\u00e7a la demanda d\u2019un debat p\u00fablic informat.<\/a><\/h3>\n\t\t\t<\/header>\n\t\t<\/div>\n\t\t<div class=\"post-content\">\n\t\t\t<a href=\"https:\/\/www.psib-psoe.org\/mallorca\/lassemblea-sobre-el-pla-general-destellencs-omple-la-sala-i-reforca-la-demanda-dun-debat-public-informat\/\" class=\"more-link\">Read More<\/a>\n\t\t<\/div>\n\t\t\t<aside class=\"post-bottom-meta hide\">\n\t\t<strong rel=\"author\" itemprop=\"author\" class=\"author vcard\"><span class=\"fn\">Albert<\/span><\/strong>\n\t\t<time class=\"date published time\" datetime=\"2026-04-20T13:15:51+02:00\" itemprop=\"datePublished\" content=\"2026-04-20T13:15:51+02:00\">2 setmanes ago<\/time>\n\t\t<meta itemprop=\"dateModified\" class=\"date updated\" content=\"2026-04-20T13:16:03+02:00\">\n\t\t<span class=\"hide\" itemprop=\"publisher\" itemscope itemtype=\"https:\/\/schema.org\/Organization\">\n\t\t\t<meta itemprop=\"name\" content=\"SocialistesdMca\">\n\t\t\t<span itemprop=\"logo\" itemscope itemtype=\"https:\/\/schema.org\/ImageObject\">\n\t\t\t\t<meta itemprop=\"url\" content=\"https:\/\/www.psib-psoe.org\/mallorca\/wp-content\/themes\/notio-wp\/assets\/img\/logo.png\">\n\t\t\t<\/span>\n\t\t\t<meta itemprop=\"url\" content=\"https:\/\/www.psib-psoe.org\/mallorca\/\">\n\t\t<\/span>\n\t\t\t\t<span class=\"hide\" itemprop=\"image\" itemscope itemtype=\"http:\/\/schema.org\/ImageObject\">\n\t\t\t<meta itemprop=\"url\" content=\"https:\/\/www.psib-psoe.org\/mallorca\/wp-content\/uploads\/Assemblea-Per-Estellencs-3-edited.jpeg\">\n\t\t\t<meta itemprop=\"width\" content=\"1536\">\n\t\t\t<meta itemprop=\"height\" content=\"864\">\n\t\t<\/span>\n\t\t\t\t<meta itemscope itemprop=\"mainEntityOfPage\" itemtype=\"https:\/\/schema.org\/WebPage\" itemid=\"https:\/\/www.psib-psoe.org\/mallorca\/lassemblea-sobre-el-pla-general-destellencs-omple-la-sala-i-reforca-la-demanda-dun-debat-public-informat\/\">\n\t<\/aside>\n\t\t<\/article>\n<\/div>\n<div class=\"small-12 large-4 columns\">\n\t<article itemscope itemtype=\"http:\/\/schema.org\/Article\" class=\"post blog-style7 alt post-31340 type-post status-publish format-standard has-post-thumbnail hentry category-federacio-de-mallorca category-federacio-de-mallorca-portada category-municipis category-portada tag-amanda-fernandez tag-andreu-serra tag-ares-fernandez tag-bea-gamundi tag-biel-alomar tag-catalina-cladera tag-federacio-socialista-de-mallorca tag-jaume-mateu tag-joan-ferrer tag-joan-mendez-2 tag-juana-m-adrover tag-omar-lamin tag-sofia-alonso\" role=\"article\">\n\t\t<figure class=\"post-gallery\"><img loading=\"lazy\" decoding=\"async\" width=\"600\" height=\"400\" src=\"https:\/\/www.psib-psoe.org\/mallorca\/wp-content\/uploads\/Cladera-pressupostos-141125-1-600x400.jpeg\" class=\"attachment-notio-general-x2 size-notio-general-x2 wp-post-image\" alt=\"\" srcset=\"https:\/\/www.psib-psoe.org\/mallorca\/wp-content\/uploads\/Cladera-pressupostos-141125-1-600x400.jpeg 600w, https:\/\/www.psib-psoe.org\/mallorca\/wp-content\/uploads\/Cladera-pressupostos-141125-1-300x200.jpeg 300w, https:\/\/www.psib-psoe.org\/mallorca\/wp-content\/uploads\/Cladera-pressupostos-141125-1-1024x682.jpeg 1024w, https:\/\/www.psib-psoe.org\/mallorca\/wp-content\/uploads\/Cladera-pressupostos-141125-1-768x512.jpeg 768w, https:\/\/www.psib-psoe.org\/mallorca\/wp-content\/uploads\/Cladera-pressupostos-141125-1-1536x1023.jpeg 1536w, https:\/\/www.psib-psoe.org\/mallorca\/wp-content\/uploads\/Cladera-pressupostos-141125-1-150x100.jpeg 150w, https:\/\/www.psib-psoe.org\/mallorca\/wp-content\/uploads\/Cladera-pressupostos-141125-1-900x600.jpeg 900w, https:\/\/www.psib-psoe.org\/mallorca\/wp-content\/uploads\/Cladera-pressupostos-141125-1-20x13.jpeg 20w, https:\/\/www.psib-psoe.org\/mallorca\/wp-content\/uploads\/Cladera-pressupostos-141125-1.jpeg 1600w\" sizes=\"(max-width: 600px) 100vw, 600px\" \/><\/figure>\n\t\t<div class=\"blog-top\">\n\t\t\t<header class=\"post-title entry-header\">\n\t\t\t\t<aside class=\"post-meta cf\">\n\t\t20\/04\/2026 \/ <a href=\"https:\/\/www.psib-psoe.org\/mallorca\/category\/federacio-de-mallorca\/\" rel=\"category tag\">Federaci\u00f3 de Mallorca<\/a>, <a href=\"https:\/\/www.psib-psoe.org\/mallorca\/category\/federacio-de-mallorca-portada\/\" rel=\"category tag\">Federaci\u00f3 de Mallorca - Portada<\/a>, <a href=\"https:\/\/www.psib-psoe.org\/mallorca\/category\/municipis\/\" rel=\"category tag\">Municipis<\/a>, <a href=\"https:\/\/www.psib-psoe.org\/mallorca\/category\/portada\/\" rel=\"category tag\">Portada<\/a><\/aside>\n\t\t\t\t<h3 itemprop=\"headline\"><a href=\"https:\/\/www.psib-psoe.org\/mallorca\/cladera-reclama-a-galmes-que-activi-ja-lescut-social-anunciat-fa-tres-setmanes-i-deixi-dassumir-les-exigencies-de-vox\/\" title=\"Cladera reclama a Galm\u00e9s que activi ja l\u2019escut social anunciat fa tres setmanes i deixi d\u2019assumir les exig\u00e8ncies de Vox.\">Cladera reclama a Galm\u00e9s que activi ja l\u2019escut social anunciat fa tres setmanes i deixi d\u2019assumir les exig\u00e8ncies de Vox.<\/a><\/h3>\n\t\t\t<\/header>\n\t\t<\/div>\n\t\t<div class=\"post-content\">\n\t\t\t<a href=\"https:\/\/www.psib-psoe.org\/mallorca\/cladera-reclama-a-galmes-que-activi-ja-lescut-social-anunciat-fa-tres-setmanes-i-deixi-dassumir-les-exigencies-de-vox\/\" class=\"more-link\">Read More<\/a>\n\t\t<\/div>\n\t\t\t<aside class=\"post-bottom-meta hide\">\n\t\t<strong rel=\"author\" itemprop=\"author\" class=\"author vcard\"><span class=\"fn\">Albert<\/span><\/strong>\n\t\t<time class=\"date published time\" datetime=\"2026-04-20T11:07:09+02:00\" itemprop=\"datePublished\" content=\"2026-04-20T11:07:09+02:00\">2 setmanes ago<\/time>\n\t\t<meta itemprop=\"dateModified\" class=\"date updated\" content=\"2026-04-20T11:07:22+02:00\">\n\t\t<span class=\"hide\" itemprop=\"publisher\" itemscope itemtype=\"https:\/\/schema.org\/Organization\">\n\t\t\t<meta itemprop=\"name\" content=\"SocialistesdMca\">\n\t\t\t<span itemprop=\"logo\" itemscope itemtype=\"https:\/\/schema.org\/ImageObject\">\n\t\t\t\t<meta itemprop=\"url\" content=\"https:\/\/www.psib-psoe.org\/mallorca\/wp-content\/themes\/notio-wp\/assets\/img\/logo.png\">\n\t\t\t<\/span>\n\t\t\t<meta itemprop=\"url\" content=\"https:\/\/www.psib-psoe.org\/mallorca\/\">\n\t\t<\/span>\n\t\t\t\t<span class=\"hide\" itemprop=\"image\" itemscope itemtype=\"http:\/\/schema.org\/ImageObject\">\n\t\t\t<meta itemprop=\"url\" content=\"https:\/\/www.psib-psoe.org\/mallorca\/wp-content\/uploads\/Cladera-pressupostos-141125-1.jpeg\">\n\t\t\t<meta itemprop=\"width\" content=\"1600\">\n\t\t\t<meta itemprop=\"height\" content=\"1066\">\n\t\t<\/span>\n\t\t\t\t<meta itemscope itemprop=\"mainEntityOfPage\" itemtype=\"https:\/\/schema.org\/WebPage\" itemid=\"https:\/\/www.psib-psoe.org\/mallorca\/cladera-reclama-a-galmes-que-activi-ja-lescut-social-anunciat-fa-tres-setmanes-i-deixi-dassumir-les-exigencies-de-vox\/\">\n\t<\/aside>\n\t\t<\/article>\n<\/div>\n<div class=\"small-12 large-4 columns\">\n\t<article itemscope itemtype=\"http:\/\/schema.org\/Article\" class=\"post blog-style7 alt post-31254 type-post status-publish format-standard has-post-thumbnail hentry category-federacio-de-mallorca category-federacio-de-mallorca-portada category-municipis category-portada tag-amanda-fernandez tag-andreu-serra tag-ares-fernandez tag-bea-gamundi tag-biel-alomar tag-catalina-cladera tag-federacio-socialista-de-mallorca tag-jaume-mateu tag-joan-ferrer tag-joan-mendez-2 tag-juana-m-adrover tag-omar-lamin tag-sofia-alonso\" role=\"article\">\n\t\t<figure class=\"post-gallery\"><img loading=\"lazy\" decoding=\"async\" width=\"600\" height=\"400\" src=\"https:\/\/www.psib-psoe.org\/mallorca\/wp-content\/uploads\/Rdp-allegacions-Serra--600x400.jpeg\" class=\"attachment-notio-general-x2 size-notio-general-x2 wp-post-image\" alt=\"\" srcset=\"https:\/\/www.psib-psoe.org\/mallorca\/wp-content\/uploads\/Rdp-allegacions-Serra--600x400.jpeg 600w, https:\/\/www.psib-psoe.org\/mallorca\/wp-content\/uploads\/Rdp-allegacions-Serra--300x200.jpeg 300w, https:\/\/www.psib-psoe.org\/mallorca\/wp-content\/uploads\/Rdp-allegacions-Serra--900x600.jpeg 900w, https:\/\/www.psib-psoe.org\/mallorca\/wp-content\/uploads\/Rdp-allegacions-Serra--20x13.jpeg 20w\" sizes=\"(max-width: 600px) 100vw, 600px\" \/><\/figure>\n\t\t<div class=\"blog-top\">\n\t\t\t<header class=\"post-title entry-header\">\n\t\t\t\t<aside class=\"post-meta cf\">\n\t\t15\/04\/2026 \/ <a href=\"https:\/\/www.psib-psoe.org\/mallorca\/category\/federacio-de-mallorca\/\" rel=\"category tag\">Federaci\u00f3 de Mallorca<\/a>, <a href=\"https:\/\/www.psib-psoe.org\/mallorca\/category\/federacio-de-mallorca-portada\/\" rel=\"category tag\">Federaci\u00f3 de Mallorca - Portada<\/a>, <a href=\"https:\/\/www.psib-psoe.org\/mallorca\/category\/municipis\/\" rel=\"category tag\">Municipis<\/a>, <a href=\"https:\/\/www.psib-psoe.org\/mallorca\/category\/portada\/\" rel=\"category tag\">Portada<\/a><\/aside>\n\t\t\t\t<h3 itemprop=\"headline\"><a href=\"https:\/\/www.psib-psoe.org\/mallorca\/el-psib-psoe-reclama-consens-entre-entitats-partits-i-institucions-per-aconseguir-una-llei-de-la-serra-de-tramuntana-lliure-de-les-imposicions-de-la-ultradreta\/\" title=\"El PSIB-PSOE reclama consens entre entitats, partits i institucions per aconseguir una llei de la Serra de Tramuntana lliure de les imposicions de la ultradreta.\">El PSIB-PSOE reclama consens entre entitats, partits i institucions per aconseguir una llei de la Serra de Tramuntana lliure de les imposicions de la ultradreta.<\/a><\/h3>\n\t\t\t<\/header>\n\t\t<\/div>\n\t\t<div class=\"post-content\">\n\t\t\t<a href=\"https:\/\/www.psib-psoe.org\/mallorca\/el-psib-psoe-reclama-consens-entre-entitats-partits-i-institucions-per-aconseguir-una-llei-de-la-serra-de-tramuntana-lliure-de-les-imposicions-de-la-ultradreta\/\" class=\"more-link\">Read More<\/a>\n\t\t<\/div>\n\t\t\t<aside class=\"post-bottom-meta hide\">\n\t\t<strong rel=\"author\" itemprop=\"author\" class=\"author vcard\"><span class=\"fn\">Albert<\/span><\/strong>\n\t\t<time class=\"date published time\" datetime=\"2026-04-15T12:34:33+02:00\" itemprop=\"datePublished\" content=\"2026-04-15T12:34:33+02:00\">2 setmanes ago<\/time>\n\t\t<meta itemprop=\"dateModified\" class=\"date updated\" content=\"2026-04-15T12:34:44+02:00\">\n\t\t<span class=\"hide\" itemprop=\"publisher\" itemscope itemtype=\"https:\/\/schema.org\/Organization\">\n\t\t\t<meta itemprop=\"name\" content=\"SocialistesdMca\">\n\t\t\t<span itemprop=\"logo\" itemscope itemtype=\"https:\/\/schema.org\/ImageObject\">\n\t\t\t\t<meta itemprop=\"url\" content=\"https:\/\/www.psib-psoe.org\/mallorca\/wp-content\/themes\/notio-wp\/assets\/img\/logo.png\">\n\t\t\t<\/span>\n\t\t\t<meta itemprop=\"url\" content=\"https:\/\/www.psib-psoe.org\/mallorca\/\">\n\t\t<\/span>\n\t\t\t\t<span class=\"hide\" itemprop=\"image\" itemscope itemtype=\"http:\/\/schema.org\/ImageObject\">\n\t\t\t<meta itemprop=\"url\" content=\"https:\/\/www.psib-psoe.org\/mallorca\/wp-content\/uploads\/Rdp-allegacions-Serra-.jpeg\">\n\t\t\t<meta itemprop=\"width\" content=\"1600\">\n\t\t\t<meta itemprop=\"height\" content=\"1200\">\n\t\t<\/span>\n\t\t\t\t<meta itemscope itemprop=\"mainEntityOfPage\" itemtype=\"https:\/\/schema.org\/WebPage\" itemid=\"https:\/\/www.psib-psoe.org\/mallorca\/el-psib-psoe-reclama-consens-entre-entitats-partits-i-institucions-per-aconseguir-una-llei-de-la-serra-de-tramuntana-lliure-de-les-imposicions-de-la-ultradreta\/\">\n\t<\/aside>\n\t\t<\/article>\n<\/div>\n<div class=\"small-12 large-4 columns\">\n\t<article itemscope itemtype=\"http:\/\/schema.org\/Article\" class=\"post blog-style7 alt post-31250 type-post status-publish format-standard has-post-thumbnail hentry category-federacio-de-mallorca category-federacio-de-mallorca-portada category-municipis category-portada tag-amanda-fernandez tag-andreu-serra tag-ares-fernandez tag-bea-gamundi tag-biel-alomar tag-catalina-cladera tag-federacio-socialista-de-mallorca tag-jaume-mateu tag-joan-ferrer tag-joan-mendez-2 tag-juana-m-adrover tag-omar-lamin tag-sofia-alonso\" role=\"article\">\n\t\t<figure class=\"post-gallery\"><img loading=\"lazy\" decoding=\"async\" width=\"600\" height=\"400\" src=\"https:\/\/www.psib-psoe.org\/mallorca\/wp-content\/uploads\/Cladera-ple-1-600x400.jpeg\" class=\"attachment-notio-general-x2 size-notio-general-x2 wp-post-image\" alt=\"\" srcset=\"https:\/\/www.psib-psoe.org\/mallorca\/wp-content\/uploads\/Cladera-ple-1-600x400.jpeg 600w, https:\/\/www.psib-psoe.org\/mallorca\/wp-content\/uploads\/Cladera-ple-1-300x200.jpeg 300w, https:\/\/www.psib-psoe.org\/mallorca\/wp-content\/uploads\/Cladera-ple-1-1024x682.jpeg 1024w, https:\/\/www.psib-psoe.org\/mallorca\/wp-content\/uploads\/Cladera-ple-1-768x512.jpeg 768w, https:\/\/www.psib-psoe.org\/mallorca\/wp-content\/uploads\/Cladera-ple-1-1536x1024.jpeg 1536w, https:\/\/www.psib-psoe.org\/mallorca\/wp-content\/uploads\/Cladera-ple-1-2048x1365.jpeg 2048w, https:\/\/www.psib-psoe.org\/mallorca\/wp-content\/uploads\/Cladera-ple-1-150x100.jpeg 150w, https:\/\/www.psib-psoe.org\/mallorca\/wp-content\/uploads\/Cladera-ple-1-900x600.jpeg 900w, https:\/\/www.psib-psoe.org\/mallorca\/wp-content\/uploads\/Cladera-ple-1-20x13.jpeg 20w\" sizes=\"(max-width: 600px) 100vw, 600px\" \/><\/figure>\n\t\t<div class=\"blog-top\">\n\t\t\t<header class=\"post-title entry-header\">\n\t\t\t\t<aside class=\"post-meta cf\">\n\t\t14\/04\/2026 \/ <a href=\"https:\/\/www.psib-psoe.org\/mallorca\/category\/federacio-de-mallorca\/\" rel=\"category tag\">Federaci\u00f3 de Mallorca<\/a>, <a href=\"https:\/\/www.psib-psoe.org\/mallorca\/category\/federacio-de-mallorca-portada\/\" rel=\"category tag\">Federaci\u00f3 de Mallorca - Portada<\/a>, <a href=\"https:\/\/www.psib-psoe.org\/mallorca\/category\/municipis\/\" rel=\"category tag\">Municipis<\/a>, <a href=\"https:\/\/www.psib-psoe.org\/mallorca\/category\/portada\/\" rel=\"category tag\">Portada<\/a><\/aside>\n\t\t\t\t<h3 itemprop=\"headline\"><a href=\"https:\/\/www.psib-psoe.org\/mallorca\/el-consell-de-mallorca-no-defineix-les-mesures-de-lescut-social-per-lalca-de-preus-a-mallorca-15-dies-despres-que-galmes-les-anuncies\/\" title=\"El Consell de Mallorca no defineix les mesures de l\u2019escut social per l\u2019al\u00e7a de preus a Mallorca, 15 dies despr\u00e9s que Galm\u00e9s les anunci\u00e9s. \u00a0\">El Consell de Mallorca no defineix les mesures de l\u2019escut social per l\u2019al\u00e7a de preus a Mallorca, 15 dies despr\u00e9s que Galm\u00e9s les anunci\u00e9s. \u00a0<\/a><\/h3>\n\t\t\t<\/header>\n\t\t<\/div>\n\t\t<div class=\"post-content\">\n\t\t\t<a href=\"https:\/\/www.psib-psoe.org\/mallorca\/el-consell-de-mallorca-no-defineix-les-mesures-de-lescut-social-per-lalca-de-preus-a-mallorca-15-dies-despres-que-galmes-les-anuncies\/\" class=\"more-link\">Read More<\/a>\n\t\t<\/div>\n\t\t\t<aside class=\"post-bottom-meta hide\">\n\t\t<strong rel=\"author\" itemprop=\"author\" class=\"author vcard\"><span class=\"fn\">Albert<\/span><\/strong>\n\t\t<time class=\"date published time\" datetime=\"2026-04-14T12:13:14+02:00\" itemprop=\"datePublished\" content=\"2026-04-14T12:13:14+02:00\">3 setmanes ago<\/time>\n\t\t<meta itemprop=\"dateModified\" class=\"date updated\" content=\"2026-04-14T12:13:26+02:00\">\n\t\t<span class=\"hide\" itemprop=\"publisher\" itemscope itemtype=\"https:\/\/schema.org\/Organization\">\n\t\t\t<meta itemprop=\"name\" content=\"SocialistesdMca\">\n\t\t\t<span itemprop=\"logo\" itemscope itemtype=\"https:\/\/schema.org\/ImageObject\">\n\t\t\t\t<meta itemprop=\"url\" content=\"https:\/\/www.psib-psoe.org\/mallorca\/wp-content\/themes\/notio-wp\/assets\/img\/logo.png\">\n\t\t\t<\/span>\n\t\t\t<meta itemprop=\"url\" content=\"https:\/\/www.psib-psoe.org\/mallorca\/\">\n\t\t<\/span>\n\t\t\t\t<span class=\"hide\" itemprop=\"image\" itemscope itemtype=\"http:\/\/schema.org\/ImageObject\">\n\t\t\t<meta itemprop=\"url\" content=\"https:\/\/www.psib-psoe.org\/mallorca\/wp-content\/uploads\/Cladera-ple-1.jpeg\">\n\t\t\t<meta itemprop=\"width\" content=\"2560\">\n\t\t\t<meta itemprop=\"height\" content=\"1706\">\n\t\t<\/span>\n\t\t\t\t<meta itemscope itemprop=\"mainEntityOfPage\" itemtype=\"https:\/\/schema.org\/WebPage\" itemid=\"https:\/\/www.psib-psoe.org\/mallorca\/el-consell-de-mallorca-no-defineix-les-mesures-de-lescut-social-per-lalca-de-preus-a-mallorca-15-dies-despres-que-galmes-les-anuncies\/\">\n\t<\/aside>\n\t\t<\/article>\n<\/div>\n<div class=\"small-12 large-4 columns\">\n\t<article itemscope itemtype=\"http:\/\/schema.org\/Article\" class=\"post blog-style7 alt post-31247 type-post status-publish format-standard has-post-thumbnail hentry category-federacio-de-mallorca category-federacio-de-mallorca-portada category-municipis category-portada tag-agrupacio-socialista-sa-pobla tag-amanda-fernandez tag-ares-fernandez tag-catalina-cladera tag-federacio-socialista-de-mallorca tag-psib-psoe tag-sa-pobla tag-xesca-mir\" role=\"article\">\n\t\t<figure class=\"post-gallery\"><img loading=\"lazy\" decoding=\"async\" width=\"600\" height=\"400\" src=\"https:\/\/www.psib-psoe.org\/mallorca\/wp-content\/uploads\/WhatsApp-Image-2026-04-10-at-10.20.29-600x400.jpeg\" class=\"attachment-notio-general-x2 size-notio-general-x2 wp-post-image\" alt=\"\" srcset=\"https:\/\/www.psib-psoe.org\/mallorca\/wp-content\/uploads\/WhatsApp-Image-2026-04-10-at-10.20.29-600x400.jpeg 600w, https:\/\/www.psib-psoe.org\/mallorca\/wp-content\/uploads\/WhatsApp-Image-2026-04-10-at-10.20.29-300x200.jpeg 300w, https:\/\/www.psib-psoe.org\/mallorca\/wp-content\/uploads\/WhatsApp-Image-2026-04-10-at-10.20.29-900x600.jpeg 900w, https:\/\/www.psib-psoe.org\/mallorca\/wp-content\/uploads\/WhatsApp-Image-2026-04-10-at-10.20.29-20x13.jpeg 20w\" sizes=\"(max-width: 600px) 100vw, 600px\" \/><\/figure>\n\t\t<div class=\"blog-top\">\n\t\t\t<header class=\"post-title entry-header\">\n\t\t\t\t<aside class=\"post-meta cf\">\n\t\t13\/04\/2026 \/ <a href=\"https:\/\/www.psib-psoe.org\/mallorca\/category\/federacio-de-mallorca\/\" rel=\"category tag\">Federaci\u00f3 de Mallorca<\/a>, <a href=\"https:\/\/www.psib-psoe.org\/mallorca\/category\/federacio-de-mallorca-portada\/\" rel=\"category tag\">Federaci\u00f3 de Mallorca - Portada<\/a>, <a href=\"https:\/\/www.psib-psoe.org\/mallorca\/category\/municipis\/\" rel=\"category tag\">Municipis<\/a>, <a href=\"https:\/\/www.psib-psoe.org\/mallorca\/category\/portada\/\" rel=\"category tag\">Portada<\/a><\/aside>\n\t\t\t\t<h3 itemprop=\"headline\"><a href=\"https:\/\/www.psib-psoe.org\/mallorca\/els-socialistes-de-sa-pobla-es-proposen-eliminar-les-barreres-dedat-i-garantir-lenvelliment-actiu-de-les-persones-amb-discapacitat-al-municipi\/\" title=\"Els Socialistes de sa Pobla es proposen eliminar les barreres d\u2019edat i garantir l\u2019envelliment actiu de les persones amb discapacitat al municipi.\">Els Socialistes de sa Pobla es proposen eliminar les barreres d\u2019edat i garantir l\u2019envelliment actiu de les persones amb discapacitat al municipi.<\/a><\/h3>\n\t\t\t<\/header>\n\t\t<\/div>\n\t\t<div class=\"post-content\">\n\t\t\t<a href=\"https:\/\/www.psib-psoe.org\/mallorca\/els-socialistes-de-sa-pobla-es-proposen-eliminar-les-barreres-dedat-i-garantir-lenvelliment-actiu-de-les-persones-amb-discapacitat-al-municipi\/\" class=\"more-link\">Read More<\/a>\n\t\t<\/div>\n\t\t\t<aside class=\"post-bottom-meta hide\">\n\t\t<strong rel=\"author\" itemprop=\"author\" class=\"author vcard\"><span class=\"fn\">Albert<\/span><\/strong>\n\t\t<time class=\"date published time\" datetime=\"2026-04-13T10:34:49+02:00\" itemprop=\"datePublished\" content=\"2026-04-13T10:34:49+02:00\">3 setmanes ago<\/time>\n\t\t<meta itemprop=\"dateModified\" class=\"date updated\" content=\"2026-04-13T10:35:00+02:00\">\n\t\t<span class=\"hide\" itemprop=\"publisher\" itemscope itemtype=\"https:\/\/schema.org\/Organization\">\n\t\t\t<meta itemprop=\"name\" content=\"SocialistesdMca\">\n\t\t\t<span itemprop=\"logo\" itemscope itemtype=\"https:\/\/schema.org\/ImageObject\">\n\t\t\t\t<meta itemprop=\"url\" content=\"https:\/\/www.psib-psoe.org\/mallorca\/wp-content\/themes\/notio-wp\/assets\/img\/logo.png\">\n\t\t\t<\/span>\n\t\t\t<meta itemprop=\"url\" content=\"https:\/\/www.psib-psoe.org\/mallorca\/\">\n\t\t<\/span>\n\t\t\t\t<span class=\"hide\" itemprop=\"image\" itemscope itemtype=\"http:\/\/schema.org\/ImageObject\">\n\t\t\t<meta itemprop=\"url\" content=\"https:\/\/www.psib-psoe.org\/mallorca\/wp-content\/uploads\/WhatsApp-Image-2026-04-10-at-10.20.29.jpeg\">\n\t\t\t<meta itemprop=\"width\" content=\"1536\">\n\t\t\t<meta itemprop=\"height\" content=\"2048\">\n\t\t<\/span>\n\t\t\t\t<meta itemscope itemprop=\"mainEntityOfPage\" itemtype=\"https:\/\/schema.org\/WebPage\" itemid=\"https:\/\/www.psib-psoe.org\/mallorca\/els-socialistes-de-sa-pobla-es-proposen-eliminar-les-barreres-dedat-i-garantir-lenvelliment-actiu-de-les-persones-amb-discapacitat-al-municipi\/\">\n\t<\/aside>\n\t\t<\/article>\n<\/div>\n<div class=\"small-12 large-4 columns\">\n\t<article itemscope itemtype=\"http:\/\/schema.org\/Article\" class=\"post blog-style7 alt post-31242 type-post status-publish format-standard has-post-thumbnail hentry category-federacio-de-mallorca category-federacio-de-mallorca-portada category-municipis category-portada tag-amanda-fernandez tag-andreu-serra tag-ares-fernandez tag-bea-gamundi tag-biel-alomar tag-catalina-cladera tag-federacio-socialista-de-mallorca tag-jaume-mateu tag-joan-ferrer tag-joan-mendez-2 tag-juana-m-adrover tag-omar-lamin tag-sofia-alonso\" role=\"article\">\n\t\t<figure class=\"post-gallery\"><img loading=\"lazy\" decoding=\"async\" width=\"600\" height=\"400\" src=\"https:\/\/www.psib-psoe.org\/mallorca\/wp-content\/uploads\/CAti-rdp-reclamacio-pressupost-2-edited-600x400.jpeg\" class=\"attachment-notio-general-x2 size-notio-general-x2 wp-post-image\" alt=\"\" srcset=\"https:\/\/www.psib-psoe.org\/mallorca\/wp-content\/uploads\/CAti-rdp-reclamacio-pressupost-2-edited-600x400.jpeg 600w, https:\/\/www.psib-psoe.org\/mallorca\/wp-content\/uploads\/CAti-rdp-reclamacio-pressupost-2-edited-300x200.jpeg 300w, https:\/\/www.psib-psoe.org\/mallorca\/wp-content\/uploads\/CAti-rdp-reclamacio-pressupost-2-edited-900x600.jpeg 900w, https:\/\/www.psib-psoe.org\/mallorca\/wp-content\/uploads\/CAti-rdp-reclamacio-pressupost-2-edited-20x13.jpeg 20w\" sizes=\"(max-width: 600px) 100vw, 600px\" \/><\/figure>\n\t\t<div class=\"blog-top\">\n\t\t\t<header class=\"post-title entry-header\">\n\t\t\t\t<aside class=\"post-meta cf\">\n\t\t11\/04\/2026 \/ <a href=\"https:\/\/www.psib-psoe.org\/mallorca\/category\/federacio-de-mallorca\/\" rel=\"category tag\">Federaci\u00f3 de Mallorca<\/a>, <a href=\"https:\/\/www.psib-psoe.org\/mallorca\/category\/federacio-de-mallorca-portada\/\" rel=\"category tag\">Federaci\u00f3 de Mallorca - Portada<\/a>, <a href=\"https:\/\/www.psib-psoe.org\/mallorca\/category\/municipis\/\" rel=\"category tag\">Municipis<\/a>, <a href=\"https:\/\/www.psib-psoe.org\/mallorca\/category\/portada\/\" rel=\"category tag\">Portada<\/a><\/aside>\n\t\t\t\t<h3 itemprop=\"headline\"><a href=\"https:\/\/www.psib-psoe.org\/mallorca\/el-psib-psoe-insta-a-galmes-a-oferir-duna-vegada-xifres-fiables-sobre-els-anuncis-dallotjament-de-lloguer-vacacional\/\" title=\"El PSIB-PSOE insta a Galm\u00e9s a oferir, \u201cd\u2019una vegada\u201d, xifres fiables sobre els anuncis d\u2019allotjament de lloguer vacacional.\">El PSIB-PSOE insta a Galm\u00e9s a oferir, \u201cd\u2019una vegada\u201d, xifres fiables sobre els anuncis d\u2019allotjament de lloguer vacacional.<\/a><\/h3>\n\t\t\t<\/header>\n\t\t<\/div>\n\t\t<div class=\"post-content\">\n\t\t\t<a href=\"https:\/\/www.psib-psoe.org\/mallorca\/el-psib-psoe-insta-a-galmes-a-oferir-duna-vegada-xifres-fiables-sobre-els-anuncis-dallotjament-de-lloguer-vacacional\/\" class=\"more-link\">Read More<\/a>\n\t\t<\/div>\n\t\t\t<aside class=\"post-bottom-meta hide\">\n\t\t<strong rel=\"author\" itemprop=\"author\" class=\"author vcard\"><span class=\"fn\">Albert<\/span><\/strong>\n\t\t<time class=\"date published time\" datetime=\"2026-04-11T23:22:10+02:00\" itemprop=\"datePublished\" content=\"2026-04-11T23:22:10+02:00\">3 setmanes ago<\/time>\n\t\t<meta itemprop=\"dateModified\" class=\"date updated\" content=\"2026-04-11T23:22:22+02:00\">\n\t\t<span class=\"hide\" itemprop=\"publisher\" itemscope itemtype=\"https:\/\/schema.org\/Organization\">\n\t\t\t<meta itemprop=\"name\" content=\"SocialistesdMca\">\n\t\t\t<span itemprop=\"logo\" itemscope itemtype=\"https:\/\/schema.org\/ImageObject\">\n\t\t\t\t<meta itemprop=\"url\" content=\"https:\/\/www.psib-psoe.org\/mallorca\/wp-content\/themes\/notio-wp\/assets\/img\/logo.png\">\n\t\t\t<\/span>\n\t\t\t<meta itemprop=\"url\" content=\"https:\/\/www.psib-psoe.org\/mallorca\/\">\n\t\t<\/span>\n\t\t\t\t<span class=\"hide\" itemprop=\"image\" itemscope itemtype=\"http:\/\/schema.org\/ImageObject\">\n\t\t\t<meta itemprop=\"url\" content=\"https:\/\/www.psib-psoe.org\/mallorca\/wp-content\/uploads\/CAti-rdp-reclamacio-pressupost-2-edited.jpeg\">\n\t\t\t<meta itemprop=\"width\" content=\"1600\">\n\t\t\t<meta itemprop=\"height\" content=\"900\">\n\t\t<\/span>\n\t\t\t\t<meta itemscope itemprop=\"mainEntityOfPage\" itemtype=\"https:\/\/schema.org\/WebPage\" itemid=\"https:\/\/www.psib-psoe.org\/mallorca\/el-psib-psoe-insta-a-galmes-a-oferir-duna-vegada-xifres-fiables-sobre-els-anuncis-dallotjament-de-lloguer-vacacional\/\">\n\t<\/aside>\n\t\t<\/article>\n<\/div>\n<div class=\"small-12 large-4 columns\">\n\t<article itemscope itemtype=\"http:\/\/schema.org\/Article\" class=\"post blog-style7 alt post-31239 type-post status-publish format-standard has-post-thumbnail hentry category-federacio-de-mallorca category-federacio-de-mallorca-portada category-municipis category-portada tag-amanda-fernandez tag-andreu-serra tag-ares-fernandez tag-bea-gamundi tag-biel-alomar tag-catalina-cladera tag-federacio-socialista-de-mallorca tag-jaume-mateu tag-joan-ferrer tag-joan-mendez-2 tag-juana-m-adrover tag-omar-lamin tag-sofia-alonso\" role=\"article\">\n\t\t<figure class=\"post-gallery\"><img loading=\"lazy\" decoding=\"async\" width=\"600\" height=\"400\" src=\"https:\/\/www.psib-psoe.org\/mallorca\/wp-content\/uploads\/Sofia-Alonso-2-1-600x400.jpeg\" class=\"attachment-notio-general-x2 size-notio-general-x2 wp-post-image\" alt=\"\" srcset=\"https:\/\/www.psib-psoe.org\/mallorca\/wp-content\/uploads\/Sofia-Alonso-2-1-600x400.jpeg 600w, https:\/\/www.psib-psoe.org\/mallorca\/wp-content\/uploads\/Sofia-Alonso-2-1-300x200.jpeg 300w, https:\/\/www.psib-psoe.org\/mallorca\/wp-content\/uploads\/Sofia-Alonso-2-1-20x13.jpeg 20w\" sizes=\"(max-width: 600px) 100vw, 600px\" \/><\/figure>\n\t\t<div class=\"blog-top\">\n\t\t\t<header class=\"post-title entry-header\">\n\t\t\t\t<aside class=\"post-meta cf\">\n\t\t10\/04\/2026 \/ <a href=\"https:\/\/www.psib-psoe.org\/mallorca\/category\/federacio-de-mallorca\/\" rel=\"category tag\">Federaci\u00f3 de Mallorca<\/a>, <a href=\"https:\/\/www.psib-psoe.org\/mallorca\/category\/federacio-de-mallorca-portada\/\" rel=\"category tag\">Federaci\u00f3 de Mallorca - Portada<\/a>, <a href=\"https:\/\/www.psib-psoe.org\/mallorca\/category\/municipis\/\" rel=\"category tag\">Municipis<\/a>, <a href=\"https:\/\/www.psib-psoe.org\/mallorca\/category\/portada\/\" rel=\"category tag\">Portada<\/a><\/aside>\n\t\t\t\t<h3 itemprop=\"headline\"><a href=\"https:\/\/www.psib-psoe.org\/mallorca\/el-psib-psoe-insta-a-limas-a-que-es-faci-carrec-del-cost-de-les-residencies-de-gent-gran-municipals-mentre-no-nassumeixi-la-gestio\/\" title=\"El PSIB-PSOE insta a l\u2019IMAS a qu\u00e8 es faci c\u00e0rrec del cost de les resid\u00e8ncies de gent gran municipals mentre no n\u2019assumeixi la gesti\u00f3.\">El PSIB-PSOE insta a l\u2019IMAS a qu\u00e8 es faci c\u00e0rrec del cost de les resid\u00e8ncies de gent gran municipals mentre no n\u2019assumeixi la gesti\u00f3.<\/a><\/h3>\n\t\t\t<\/header>\n\t\t<\/div>\n\t\t<div class=\"post-content\">\n\t\t\t<a href=\"https:\/\/www.psib-psoe.org\/mallorca\/el-psib-psoe-insta-a-limas-a-que-es-faci-carrec-del-cost-de-les-residencies-de-gent-gran-municipals-mentre-no-nassumeixi-la-gestio\/\" class=\"more-link\">Read More<\/a>\n\t\t<\/div>\n\t\t\t<aside class=\"post-bottom-meta hide\">\n\t\t<strong rel=\"author\" itemprop=\"author\" class=\"author vcard\"><span class=\"fn\">Albert<\/span><\/strong>\n\t\t<time class=\"date published time\" datetime=\"2026-04-10T23:05:55+02:00\" itemprop=\"datePublished\" content=\"2026-04-10T23:05:55+02:00\">3 setmanes ago<\/time>\n\t\t<meta itemprop=\"dateModified\" class=\"date updated\" content=\"2026-04-10T23:06:07+02:00\">\n\t\t<span class=\"hide\" itemprop=\"publisher\" itemscope itemtype=\"https:\/\/schema.org\/Organization\">\n\t\t\t<meta itemprop=\"name\" content=\"SocialistesdMca\">\n\t\t\t<span itemprop=\"logo\" itemscope itemtype=\"https:\/\/schema.org\/ImageObject\">\n\t\t\t\t<meta itemprop=\"url\" content=\"https:\/\/www.psib-psoe.org\/mallorca\/wp-content\/themes\/notio-wp\/assets\/img\/logo.png\">\n\t\t\t<\/span>\n\t\t\t<meta itemprop=\"url\" content=\"https:\/\/www.psib-psoe.org\/mallorca\/\">\n\t\t<\/span>\n\t\t\t\t<span class=\"hide\" itemprop=\"image\" itemscope itemtype=\"http:\/\/schema.org\/ImageObject\">\n\t\t\t<meta itemprop=\"url\" content=\"https:\/\/www.psib-psoe.org\/mallorca\/wp-content\/uploads\/Sofia-Alonso-2-1.jpeg\">\n\t\t\t<meta itemprop=\"width\" content=\"844\">\n\t\t\t<meta itemprop=\"height\" content=\"661\">\n\t\t<\/span>\n\t\t\t\t<meta itemscope itemprop=\"mainEntityOfPage\" itemtype=\"https:\/\/schema.org\/WebPage\" itemid=\"https:\/\/www.psib-psoe.org\/mallorca\/el-psib-psoe-insta-a-limas-a-que-es-faci-carrec-del-cost-de-les-residencies-de-gent-gran-municipals-mentre-no-nassumeixi-la-gestio\/\">\n\t<\/aside>\n\t\t<\/article>\n<\/div>\n<div class=\"small-12 large-4 columns\">\n\t<article itemscope itemtype=\"http:\/\/schema.org\/Article\" class=\"post blog-style7 alt post-31236 type-post status-publish format-standard has-post-thumbnail hentry category-federacio-de-mallorca category-federacio-de-mallorca-portada category-municipis category-portada tag-agrupacio-socialista-sa-pobla tag-amanda-fernandez tag-ares-fernandez tag-catalina-cladera tag-federacio-socialista-de-mallorca tag-psib-psoe tag-sa-pobla tag-xesca-mir\" role=\"article\">\n\t\t<figure class=\"post-gallery\"><img loading=\"lazy\" decoding=\"async\" width=\"600\" height=\"400\" src=\"https:\/\/www.psib-psoe.org\/mallorca\/wp-content\/uploads\/SA-POBLA-XESCA-MIR-1-600x400.jpg\" class=\"attachment-notio-general-x2 size-notio-general-x2 wp-post-image\" alt=\"\" srcset=\"https:\/\/www.psib-psoe.org\/mallorca\/wp-content\/uploads\/SA-POBLA-XESCA-MIR-1-600x400.jpg 600w, https:\/\/www.psib-psoe.org\/mallorca\/wp-content\/uploads\/SA-POBLA-XESCA-MIR-1-300x200.jpg 300w, https:\/\/www.psib-psoe.org\/mallorca\/wp-content\/uploads\/SA-POBLA-XESCA-MIR-1-1024x683.jpg 1024w, https:\/\/www.psib-psoe.org\/mallorca\/wp-content\/uploads\/SA-POBLA-XESCA-MIR-1-768x512.jpg 768w, https:\/\/www.psib-psoe.org\/mallorca\/wp-content\/uploads\/SA-POBLA-XESCA-MIR-1-1536x1024.jpg 1536w, https:\/\/www.psib-psoe.org\/mallorca\/wp-content\/uploads\/SA-POBLA-XESCA-MIR-1-2048x1365.jpg 2048w, https:\/\/www.psib-psoe.org\/mallorca\/wp-content\/uploads\/SA-POBLA-XESCA-MIR-1-150x100.jpg 150w, https:\/\/www.psib-psoe.org\/mallorca\/wp-content\/uploads\/SA-POBLA-XESCA-MIR-1-900x600.jpg 900w, https:\/\/www.psib-psoe.org\/mallorca\/wp-content\/uploads\/SA-POBLA-XESCA-MIR-1-20x13.jpg 20w\" sizes=\"(max-width: 600px) 100vw, 600px\" \/><\/figure>\n\t\t<div class=\"blog-top\">\n\t\t\t<header class=\"post-title entry-header\">\n\t\t\t\t<aside class=\"post-meta cf\">\n\t\t10\/04\/2026 \/ <a href=\"https:\/\/www.psib-psoe.org\/mallorca\/category\/federacio-de-mallorca\/\" rel=\"category tag\">Federaci\u00f3 de Mallorca<\/a>, <a href=\"https:\/\/www.psib-psoe.org\/mallorca\/category\/federacio-de-mallorca-portada\/\" rel=\"category tag\">Federaci\u00f3 de Mallorca - Portada<\/a>, <a href=\"https:\/\/www.psib-psoe.org\/mallorca\/category\/municipis\/\" rel=\"category tag\">Municipis<\/a>, <a href=\"https:\/\/www.psib-psoe.org\/mallorca\/category\/portada\/\" rel=\"category tag\">Portada<\/a><\/aside>\n\t\t\t\t<h3 itemprop=\"headline\"><a href=\"https:\/\/www.psib-psoe.org\/mallorca\/el-ple-de-lajuntament-de-sa-pobla-fa-suport-una-iniciativa-del-psib-psoe-per-reprovar-la-gestio-de-sesplet-i-reclamar-garanties-al-govern-per-al-sector-agrari\/\" title=\"El ple de l\u2019Ajuntament de sa Pobla fa suport una iniciativa del PSIB-PSOE per reprovar la gesti\u00f3 de S\u2019Esplet i reclamar garanties al Govern per al sector agrari.\">El ple de l\u2019Ajuntament de sa Pobla fa suport una iniciativa del PSIB-PSOE per reprovar la gesti\u00f3 de S\u2019Esplet i reclamar garanties al Govern per al sector agrari.<\/a><\/h3>\n\t\t\t<\/header>\n\t\t<\/div>\n\t\t<div class=\"post-content\">\n\t\t\t<a href=\"https:\/\/www.psib-psoe.org\/mallorca\/el-ple-de-lajuntament-de-sa-pobla-fa-suport-una-iniciativa-del-psib-psoe-per-reprovar-la-gestio-de-sesplet-i-reclamar-garanties-al-govern-per-al-sector-agrari\/\" class=\"more-link\">Read More<\/a>\n\t\t<\/div>\n\t\t\t<aside class=\"post-bottom-meta hide\">\n\t\t<strong rel=\"author\" itemprop=\"author\" class=\"author vcard\"><span class=\"fn\">Albert<\/span><\/strong>\n\t\t<time class=\"date published time\" datetime=\"2026-04-10T11:55:13+02:00\" itemprop=\"datePublished\" content=\"2026-04-10T11:55:13+02:00\">3 setmanes ago<\/time>\n\t\t<meta itemprop=\"dateModified\" class=\"date updated\" content=\"2026-04-13T10:32:12+02:00\">\n\t\t<span class=\"hide\" itemprop=\"publisher\" itemscope itemtype=\"https:\/\/schema.org\/Organization\">\n\t\t\t<meta itemprop=\"name\" content=\"SocialistesdMca\">\n\t\t\t<span itemprop=\"logo\" itemscope itemtype=\"https:\/\/schema.org\/ImageObject\">\n\t\t\t\t<meta itemprop=\"url\" content=\"https:\/\/www.psib-psoe.org\/mallorca\/wp-content\/themes\/notio-wp\/assets\/img\/logo.png\">\n\t\t\t<\/span>\n\t\t\t<meta itemprop=\"url\" content=\"https:\/\/www.psib-psoe.org\/mallorca\/\">\n\t\t<\/span>\n\t\t\t\t<span class=\"hide\" itemprop=\"image\" itemscope itemtype=\"http:\/\/schema.org\/ImageObject\">\n\t\t\t<meta itemprop=\"url\" content=\"https:\/\/www.psib-psoe.org\/mallorca\/wp-content\/uploads\/SA-POBLA-XESCA-MIR-1-scaled.jpg\">\n\t\t\t<meta itemprop=\"width\" content=\"2560\">\n\t\t\t<meta itemprop=\"height\" content=\"1707\">\n\t\t<\/span>\n\t\t\t\t<meta itemscope itemprop=\"mainEntityOfPage\" itemtype=\"https:\/\/schema.org\/WebPage\" itemid=\"https:\/\/www.psib-psoe.org\/mallorca\/el-ple-de-lajuntament-de-sa-pobla-fa-suport-una-iniciativa-del-psib-psoe-per-reprovar-la-gestio-de-sesplet-i-reclamar-garanties-al-govern-per-al-sector-agrari\/\">\n\t<\/aside>\n\t\t<\/article>\n<\/div>\n<div class=\"small-12 large-4 columns\">\n\t<article itemscope itemtype=\"http:\/\/schema.org\/Article\" class=\"post blog-style7 alt post-31232 type-post status-publish format-standard has-post-thumbnail hentry category-federacio-de-mallorca category-federacio-de-mallorca-portada category-municipis category-portada tag-amanda-fernandez tag-andreu-serra tag-ares-fernandez tag-bea-gamundi tag-biel-alomar tag-catalina-cladera tag-federacio-socialista-de-mallorca tag-jaume-mateu tag-joan-ferrer tag-joan-mendez-2 tag-juana-m-adrover tag-omar-lamin tag-sofia-alonso\" role=\"article\">\n\t\t<figure class=\"post-gallery\"><img loading=\"lazy\" decoding=\"async\" width=\"600\" height=\"400\" src=\"https:\/\/www.psib-psoe.org\/mallorca\/wp-content\/uploads\/WhatsApp-Image-2026-04-09-at-14.02.25-1-600x400.jpeg\" class=\"attachment-notio-general-x2 size-notio-general-x2 wp-post-image\" alt=\"\" srcset=\"https:\/\/www.psib-psoe.org\/mallorca\/wp-content\/uploads\/WhatsApp-Image-2026-04-09-at-14.02.25-1-600x400.jpeg 600w, https:\/\/www.psib-psoe.org\/mallorca\/wp-content\/uploads\/WhatsApp-Image-2026-04-09-at-14.02.25-1-300x200.jpeg 300w, https:\/\/www.psib-psoe.org\/mallorca\/wp-content\/uploads\/WhatsApp-Image-2026-04-09-at-14.02.25-1-900x600.jpeg 900w, https:\/\/www.psib-psoe.org\/mallorca\/wp-content\/uploads\/WhatsApp-Image-2026-04-09-at-14.02.25-1-20x13.jpeg 20w\" sizes=\"(max-width: 600px) 100vw, 600px\" \/><\/figure>\n\t\t<div class=\"blog-top\">\n\t\t\t<header class=\"post-title entry-header\">\n\t\t\t\t<aside class=\"post-meta cf\">\n\t\t10\/04\/2026 \/ <a href=\"https:\/\/www.psib-psoe.org\/mallorca\/category\/federacio-de-mallorca\/\" rel=\"category tag\">Federaci\u00f3 de Mallorca<\/a>, <a href=\"https:\/\/www.psib-psoe.org\/mallorca\/category\/federacio-de-mallorca-portada\/\" rel=\"category tag\">Federaci\u00f3 de Mallorca - Portada<\/a>, <a href=\"https:\/\/www.psib-psoe.org\/mallorca\/category\/municipis\/\" rel=\"category tag\">Municipis<\/a>, <a href=\"https:\/\/www.psib-psoe.org\/mallorca\/category\/portada\/\" rel=\"category tag\">Portada<\/a><\/aside>\n\t\t\t\t<h3 itemprop=\"headline\"><a href=\"https:\/\/www.psib-psoe.org\/mallorca\/cladera-reclama-a-galmes-que-no-es-deixi-condicionar-per-vox-per-excloure-persones-residents-a-mallorca-de-les-ajudes-de-lescut-social-del-consell\/\" title=\"Cladera reclama a Galm\u00e9s que no es deixi condicionar per Vox per excloure persones residents a Mallorca de les ajudes de l\u2019escut social del Consell.\">Cladera reclama a Galm\u00e9s que no es deixi condicionar per Vox per excloure persones residents a Mallorca de les ajudes de l\u2019escut social del Consell.<\/a><\/h3>\n\t\t\t<\/header>\n\t\t<\/div>\n\t\t<div class=\"post-content\">\n\t\t\t<a href=\"https:\/\/www.psib-psoe.org\/mallorca\/cladera-reclama-a-galmes-que-no-es-deixi-condicionar-per-vox-per-excloure-persones-residents-a-mallorca-de-les-ajudes-de-lescut-social-del-consell\/\" class=\"more-link\">Read More<\/a>\n\t\t<\/div>\n\t\t\t<aside class=\"post-bottom-meta hide\">\n\t\t<strong rel=\"author\" itemprop=\"author\" class=\"author vcard\"><span class=\"fn\">Albert<\/span><\/strong>\n\t\t<time class=\"date published time\" datetime=\"2026-04-10T10:36:30+02:00\" itemprop=\"datePublished\" content=\"2026-04-10T10:36:30+02:00\">3 setmanes ago<\/time>\n\t\t<meta itemprop=\"dateModified\" class=\"date updated\" content=\"2026-04-10T10:36:41+02:00\">\n\t\t<span class=\"hide\" itemprop=\"publisher\" itemscope itemtype=\"https:\/\/schema.org\/Organization\">\n\t\t\t<meta itemprop=\"name\" content=\"SocialistesdMca\">\n\t\t\t<span itemprop=\"logo\" itemscope itemtype=\"https:\/\/schema.org\/ImageObject\">\n\t\t\t\t<meta itemprop=\"url\" content=\"https:\/\/www.psib-psoe.org\/mallorca\/wp-content\/themes\/notio-wp\/assets\/img\/logo.png\">\n\t\t\t<\/span>\n\t\t\t<meta itemprop=\"url\" content=\"https:\/\/www.psib-psoe.org\/mallorca\/\">\n\t\t<\/span>\n\t\t\t\t<span class=\"hide\" itemprop=\"image\" itemscope itemtype=\"http:\/\/schema.org\/ImageObject\">\n\t\t\t<meta itemprop=\"url\" content=\"https:\/\/www.psib-psoe.org\/mallorca\/wp-content\/uploads\/WhatsApp-Image-2026-04-09-at-14.02.25-1.jpeg\">\n\t\t\t<meta itemprop=\"width\" content=\"1170\">\n\t\t\t<meta itemprop=\"height\" content=\"1097\">\n\t\t<\/span>\n\t\t\t\t<meta itemscope itemprop=\"mainEntityOfPage\" itemtype=\"https:\/\/schema.org\/WebPage\" itemid=\"https:\/\/www.psib-psoe.org\/mallorca\/cladera-reclama-a-galmes-que-no-es-deixi-condicionar-per-vox-per-excloure-persones-residents-a-mallorca-de-les-ajudes-de-lescut-social-del-consell\/\">\n\t<\/aside>\n\t\t<\/article>\n<\/div>\n<div class=\"small-12 large-4 columns\">\n\t<article itemscope itemtype=\"http:\/\/schema.org\/Article\" class=\"post blog-style7 alt post-31229 type-post status-publish format-standard has-post-thumbnail hentry category-federacio-de-mallorca category-federacio-de-mallorca-portada category-municipis category-portada tag-agrupacio-socialista-de-llucmajor tag-amanda-fernandez tag-ares-fernandez tag-elsa-herranz tag-jaume-j-oliver-2\" role=\"article\">\n\t\t<figure class=\"post-gallery\"><img loading=\"lazy\" decoding=\"async\" width=\"600\" height=\"400\" src=\"https:\/\/www.psib-psoe.org\/mallorca\/wp-content\/uploads\/Jaume-J-Oliver-2-600x400.jpeg\" class=\"attachment-notio-general-x2 size-notio-general-x2 wp-post-image\" alt=\"\" srcset=\"https:\/\/www.psib-psoe.org\/mallorca\/wp-content\/uploads\/Jaume-J-Oliver-2-600x400.jpeg 600w, https:\/\/www.psib-psoe.org\/mallorca\/wp-content\/uploads\/Jaume-J-Oliver-2-300x200.jpeg 300w, https:\/\/www.psib-psoe.org\/mallorca\/wp-content\/uploads\/Jaume-J-Oliver-2-20x13.jpeg 20w\" sizes=\"(max-width: 600px) 100vw, 600px\" \/><\/figure>\n\t\t<div class=\"blog-top\">\n\t\t\t<header class=\"post-title entry-header\">\n\t\t\t\t<aside class=\"post-meta cf\">\n\t\t10\/04\/2026 \/ <a href=\"https:\/\/www.psib-psoe.org\/mallorca\/category\/federacio-de-mallorca\/\" rel=\"category tag\">Federaci\u00f3 de Mallorca<\/a>, <a href=\"https:\/\/www.psib-psoe.org\/mallorca\/category\/federacio-de-mallorca-portada\/\" rel=\"category tag\">Federaci\u00f3 de Mallorca - Portada<\/a>, <a href=\"https:\/\/www.psib-psoe.org\/mallorca\/category\/municipis\/\" rel=\"category tag\">Municipis<\/a>, <a href=\"https:\/\/www.psib-psoe.org\/mallorca\/category\/portada\/\" rel=\"category tag\">Portada<\/a><\/aside>\n\t\t\t\t<h3 itemprop=\"headline\"><a href=\"https:\/\/www.psib-psoe.org\/mallorca\/els-socialistes-de-llucmajor-denuncien-un-altre-nyap-de-gestio-de-lascolas-per-haver-fet-un-plec-del-nou-contracte-de-recollida-de-fems-municipal-ple-derrades-que-han\/\" title=\"Els Socialistes de Llucmajor denuncien un altre \u201cnyap de gesti\u00f3 de Lascolas\u201d,\u00a0 per haver fet un plec del nou contracte de recollida de fems municipal ple d\u2019errades que han hagut de rectificar.\">Els Socialistes de Llucmajor denuncien un altre \u201cnyap de gesti\u00f3 de Lascolas\u201d,\u00a0 per haver fet un plec del nou contracte de recollida de fems municipal ple d\u2019errades que han hagut de rectificar.<\/a><\/h3>\n\t\t\t<\/header>\n\t\t<\/div>\n\t\t<div class=\"post-content\">\n\t\t\t<a href=\"https:\/\/www.psib-psoe.org\/mallorca\/els-socialistes-de-llucmajor-denuncien-un-altre-nyap-de-gestio-de-lascolas-per-haver-fet-un-plec-del-nou-contracte-de-recollida-de-fems-municipal-ple-derrades-que-han\/\" class=\"more-link\">Read More<\/a>\n\t\t<\/div>\n\t\t\t<aside class=\"post-bottom-meta hide\">\n\t\t<strong rel=\"author\" itemprop=\"author\" class=\"author vcard\"><span class=\"fn\">Albert<\/span><\/strong>\n\t\t<time class=\"date published time\" datetime=\"2026-04-10T10:05:51+02:00\" itemprop=\"datePublished\" content=\"2026-04-10T10:05:51+02:00\">3 setmanes ago<\/time>\n\t\t<meta itemprop=\"dateModified\" class=\"date updated\" content=\"2026-04-10T10:06:03+02:00\">\n\t\t<span class=\"hide\" itemprop=\"publisher\" itemscope itemtype=\"https:\/\/schema.org\/Organization\">\n\t\t\t<meta itemprop=\"name\" content=\"SocialistesdMca\">\n\t\t\t<span itemprop=\"logo\" itemscope itemtype=\"https:\/\/schema.org\/ImageObject\">\n\t\t\t\t<meta itemprop=\"url\" content=\"https:\/\/www.psib-psoe.org\/mallorca\/wp-content\/themes\/notio-wp\/assets\/img\/logo.png\">\n\t\t\t<\/span>\n\t\t\t<meta itemprop=\"url\" content=\"https:\/\/www.psib-psoe.org\/mallorca\/\">\n\t\t<\/span>\n\t\t\t\t<span class=\"hide\" itemprop=\"image\" itemscope itemtype=\"http:\/\/schema.org\/ImageObject\">\n\t\t\t<meta itemprop=\"url\" content=\"https:\/\/www.psib-psoe.org\/mallorca\/wp-content\/uploads\/Jaume-J-Oliver-2.jpeg\">\n\t\t\t<meta itemprop=\"width\" content=\"828\">\n\t\t\t<meta itemprop=\"height\" content=\"828\">\n\t\t<\/span>\n\t\t\t\t<meta itemscope itemprop=\"mainEntityOfPage\" itemtype=\"https:\/\/schema.org\/WebPage\" itemid=\"https:\/\/www.psib-psoe.org\/mallorca\/els-socialistes-de-llucmajor-denuncien-un-altre-nyap-de-gestio-de-lascolas-per-haver-fet-un-plec-del-nou-contracte-de-recollida-de-fems-municipal-ple-derrades-que-han\/\">\n\t<\/aside>\n\t\t<\/article>\n<\/div>\n<div class=\"small-12 large-4 columns\">\n\t<article itemscope itemtype=\"http:\/\/schema.org\/Article\" class=\"post blog-style7 alt post-31226 type-post status-publish format-standard has-post-thumbnail hentry category-federacio-de-mallorca category-federacio-de-mallorca-portada category-municipis category-portada tag-amanda-fernandez tag-andreu-serra tag-ares-fernandez tag-bea-gamundi tag-biel-alomar tag-catalina-cladera tag-federacio-socialista-de-mallorca tag-jaume-mateu tag-joan-ferrer tag-joan-mendez-2 tag-juana-m-adrover tag-omar-lamin tag-sofia-alonso\" role=\"article\">\n\t\t<figure class=\"post-gallery\"><img loading=\"lazy\" decoding=\"async\" width=\"600\" height=\"400\" src=\"https:\/\/www.psib-psoe.org\/mallorca\/wp-content\/uploads\/Grup-ple-120326-1-600x400.jpeg\" class=\"attachment-notio-general-x2 size-notio-general-x2 wp-post-image\" alt=\"\" srcset=\"https:\/\/www.psib-psoe.org\/mallorca\/wp-content\/uploads\/Grup-ple-120326-1-600x400.jpeg 600w, https:\/\/www.psib-psoe.org\/mallorca\/wp-content\/uploads\/Grup-ple-120326-1-300x200.jpeg 300w, https:\/\/www.psib-psoe.org\/mallorca\/wp-content\/uploads\/Grup-ple-120326-1-20x13.jpeg 20w\" sizes=\"(max-width: 600px) 100vw, 600px\" \/><\/figure>\n\t\t<div class=\"blog-top\">\n\t\t\t<header class=\"post-title entry-header\">\n\t\t\t\t<aside class=\"post-meta cf\">\n\t\t09\/04\/2026 \/ <a href=\"https:\/\/www.psib-psoe.org\/mallorca\/category\/federacio-de-mallorca\/\" rel=\"category tag\">Federaci\u00f3 de Mallorca<\/a>, <a href=\"https:\/\/www.psib-psoe.org\/mallorca\/category\/federacio-de-mallorca-portada\/\" rel=\"category tag\">Federaci\u00f3 de Mallorca - Portada<\/a>, <a href=\"https:\/\/www.psib-psoe.org\/mallorca\/category\/municipis\/\" rel=\"category tag\">Municipis<\/a>, <a href=\"https:\/\/www.psib-psoe.org\/mallorca\/category\/portada\/\" rel=\"category tag\">Portada<\/a><\/aside>\n\t\t\t\t<h3 itemprop=\"headline\"><a href=\"https:\/\/www.psib-psoe.org\/mallorca\/el-grup-socialista-aconsegueix-aprovacions-parcials-de-les-mocions-presentades-al-ple-del-consell-sobre-inclusio-social-i-habitatge-nova-llei-de-patrimoni-i-per-habilitar-protocols-en-previsio-d\/\" title=\"El Grup Socialista aconsegueix aprovacions parcials de les mocions presentades al ple del Consell sobre inclusi\u00f3 social i habitatge, nova llei de patrimoni i per habilitar protocols en previsi\u00f3 d\u2019altes temperatures.\">El Grup Socialista aconsegueix aprovacions parcials de les mocions presentades al ple del Consell sobre inclusi\u00f3 social i habitatge, nova llei de patrimoni i per habilitar protocols en previsi\u00f3 d\u2019altes temperatures.<\/a><\/h3>\n\t\t\t<\/header>\n\t\t<\/div>\n\t\t<div class=\"post-content\">\n\t\t\t<a href=\"https:\/\/www.psib-psoe.org\/mallorca\/el-grup-socialista-aconsegueix-aprovacions-parcials-de-les-mocions-presentades-al-ple-del-consell-sobre-inclusio-social-i-habitatge-nova-llei-de-patrimoni-i-per-habilitar-protocols-en-previsio-d\/\" class=\"more-link\">Read More<\/a>\n\t\t<\/div>\n\t\t\t<aside class=\"post-bottom-meta hide\">\n\t\t<strong rel=\"author\" itemprop=\"author\" class=\"author vcard\"><span class=\"fn\">Albert<\/span><\/strong>\n\t\t<time class=\"date published time\" datetime=\"2026-04-09T18:17:16+02:00\" itemprop=\"datePublished\" content=\"2026-04-09T18:17:16+02:00\">3 setmanes ago<\/time>\n\t\t<meta itemprop=\"dateModified\" class=\"date updated\" content=\"2026-04-09T18:17:28+02:00\">\n\t\t<span class=\"hide\" itemprop=\"publisher\" itemscope itemtype=\"https:\/\/schema.org\/Organization\">\n\t\t\t<meta itemprop=\"name\" content=\"SocialistesdMca\">\n\t\t\t<span itemprop=\"logo\" itemscope itemtype=\"https:\/\/schema.org\/ImageObject\">\n\t\t\t\t<meta itemprop=\"url\" content=\"https:\/\/www.psib-psoe.org\/mallorca\/wp-content\/themes\/notio-wp\/assets\/img\/logo.png\">\n\t\t\t<\/span>\n\t\t\t<meta itemprop=\"url\" content=\"https:\/\/www.psib-psoe.org\/mallorca\/\">\n\t\t<\/span>\n\t\t\t\t<span class=\"hide\" itemprop=\"image\" itemscope itemtype=\"http:\/\/schema.org\/ImageObject\">\n\t\t\t<meta itemprop=\"url\" content=\"https:\/\/www.psib-psoe.org\/mallorca\/wp-content\/uploads\/Grup-ple-120326-1.jpeg\">\n\t\t\t<meta itemprop=\"width\" content=\"1024\">\n\t\t\t<meta itemprop=\"height\" content=\"497\">\n\t\t<\/span>\n\t\t\t\t<meta itemscope itemprop=\"mainEntityOfPage\" itemtype=\"https:\/\/schema.org\/WebPage\" itemid=\"https:\/\/www.psib-psoe.org\/mallorca\/el-grup-socialista-aconsegueix-aprovacions-parcials-de-les-mocions-presentades-al-ple-del-consell-sobre-inclusio-social-i-habitatge-nova-llei-de-patrimoni-i-per-habilitar-protocols-en-previsio-d\/\">\n\t<\/aside>\n\t\t<\/article>\n<\/div>\n<div class=\"small-12 large-4 columns\">\n\t<article itemscope itemtype=\"http:\/\/schema.org\/Article\" class=\"post blog-style7 alt post-31223 type-post status-publish format-standard has-post-thumbnail hentry category-federacio-de-mallorca category-federacio-de-mallorca-portada category-municipis category-portada tag-amanda-fernandez tag-andreu-serra tag-ares-fernandez tag-bea-gamundi tag-biel-alomar tag-catalina-cladera tag-federacio-socialista-de-mallorca tag-jaume-mateu tag-joan-ferrer tag-joan-mendez-2 tag-juana-m-adrover tag-omar-lamin tag-sofia-alonso\" role=\"article\">\n\t\t<figure class=\"post-gallery\"><img loading=\"lazy\" decoding=\"async\" width=\"600\" height=\"400\" src=\"https:\/\/www.psib-psoe.org\/mallorca\/wp-content\/uploads\/WhatsApp-Image-2026-04-09-at-14.02.25-600x400.jpeg\" class=\"attachment-notio-general-x2 size-notio-general-x2 wp-post-image\" alt=\"\" srcset=\"https:\/\/www.psib-psoe.org\/mallorca\/wp-content\/uploads\/WhatsApp-Image-2026-04-09-at-14.02.25-600x400.jpeg 600w, https:\/\/www.psib-psoe.org\/mallorca\/wp-content\/uploads\/WhatsApp-Image-2026-04-09-at-14.02.25-300x200.jpeg 300w, https:\/\/www.psib-psoe.org\/mallorca\/wp-content\/uploads\/WhatsApp-Image-2026-04-09-at-14.02.25-900x600.jpeg 900w, https:\/\/www.psib-psoe.org\/mallorca\/wp-content\/uploads\/WhatsApp-Image-2026-04-09-at-14.02.25-20x13.jpeg 20w\" sizes=\"(max-width: 600px) 100vw, 600px\" \/><\/figure>\n\t\t<div class=\"blog-top\">\n\t\t\t<header class=\"post-title entry-header\">\n\t\t\t\t<aside class=\"post-meta cf\">\n\t\t09\/04\/2026 \/ <a href=\"https:\/\/www.psib-psoe.org\/mallorca\/category\/federacio-de-mallorca\/\" rel=\"category tag\">Federaci\u00f3 de Mallorca<\/a>, <a href=\"https:\/\/www.psib-psoe.org\/mallorca\/category\/federacio-de-mallorca-portada\/\" rel=\"category tag\">Federaci\u00f3 de Mallorca - Portada<\/a>, <a href=\"https:\/\/www.psib-psoe.org\/mallorca\/category\/municipis\/\" rel=\"category tag\">Municipis<\/a>, <a href=\"https:\/\/www.psib-psoe.org\/mallorca\/category\/portada\/\" rel=\"category tag\">Portada<\/a><\/aside>\n\t\t\t\t<h3 itemprop=\"headline\"><a href=\"https:\/\/www.psib-psoe.org\/mallorca\/el-grup-socialista-ofereix-consensuar-un-escut-social-a-mallorca-davant-lalca-de-preus-per-la-guerra-a-lorient-mitja-per-evitar-que-les-mesures-tinguin-tuf-de-racisme\/\" title=\"El Grup Socialista ofereix consensuar un escut social a Mallorca davant l\u2019al\u00e7a de preus per la guerra a l\u2019Orient Mitj\u00e0, per evitar que les mesures tinguin \u201ctuf de racisme\u201d.\">El Grup Socialista ofereix consensuar un escut social a Mallorca davant l\u2019al\u00e7a de preus per la guerra a l\u2019Orient Mitj\u00e0, per evitar que les mesures tinguin \u201ctuf de racisme\u201d.<\/a><\/h3>\n\t\t\t<\/header>\n\t\t<\/div>\n\t\t<div class=\"post-content\">\n\t\t\t<a href=\"https:\/\/www.psib-psoe.org\/mallorca\/el-grup-socialista-ofereix-consensuar-un-escut-social-a-mallorca-davant-lalca-de-preus-per-la-guerra-a-lorient-mitja-per-evitar-que-les-mesures-tinguin-tuf-de-racisme\/\" class=\"more-link\">Read More<\/a>\n\t\t<\/div>\n\t\t\t<aside class=\"post-bottom-meta hide\">\n\t\t<strong rel=\"author\" itemprop=\"author\" class=\"author vcard\"><span class=\"fn\">Albert<\/span><\/strong>\n\t\t<time class=\"date published time\" datetime=\"2026-04-09T14:46:01+02:00\" itemprop=\"datePublished\" content=\"2026-04-09T14:46:01+02:00\">3 setmanes ago<\/time>\n\t\t<meta itemprop=\"dateModified\" class=\"date updated\" content=\"2026-04-09T14:46:12+02:00\">\n\t\t<span class=\"hide\" itemprop=\"publisher\" itemscope itemtype=\"https:\/\/schema.org\/Organization\">\n\t\t\t<meta itemprop=\"name\" content=\"SocialistesdMca\">\n\t\t\t<span itemprop=\"logo\" itemscope itemtype=\"https:\/\/schema.org\/ImageObject\">\n\t\t\t\t<meta itemprop=\"url\" content=\"https:\/\/www.psib-psoe.org\/mallorca\/wp-content\/themes\/notio-wp\/assets\/img\/logo.png\">\n\t\t\t<\/span>\n\t\t\t<meta itemprop=\"url\" content=\"https:\/\/www.psib-psoe.org\/mallorca\/\">\n\t\t<\/span>\n\t\t\t\t<span class=\"hide\" itemprop=\"image\" itemscope itemtype=\"http:\/\/schema.org\/ImageObject\">\n\t\t\t<meta itemprop=\"url\" content=\"https:\/\/www.psib-psoe.org\/mallorca\/wp-content\/uploads\/WhatsApp-Image-2026-04-09-at-14.02.25.jpeg\">\n\t\t\t<meta itemprop=\"width\" content=\"1170\">\n\t\t\t<meta itemprop=\"height\" content=\"1097\">\n\t\t<\/span>\n\t\t\t\t<meta itemscope itemprop=\"mainEntityOfPage\" itemtype=\"https:\/\/schema.org\/WebPage\" itemid=\"https:\/\/www.psib-psoe.org\/mallorca\/el-grup-socialista-ofereix-consensuar-un-escut-social-a-mallorca-davant-lalca-de-preus-per-la-guerra-a-lorient-mitja-per-evitar-que-les-mesures-tinguin-tuf-de-racisme\/\">\n\t<\/aside>\n\t\t<\/article>\n<\/div>\n<div class=\"small-12 large-4 columns\">\n\t<article itemscope itemtype=\"http:\/\/schema.org\/Article\" class=\"post blog-style7 alt post-31217 type-post status-publish format-standard has-post-thumbnail hentry category-federacio-de-mallorca category-federacio-de-mallorca-portada category-municipis category-portada tag-amanda-fernandez tag-andreu-serra tag-ares-fernandez tag-bea-gamundi tag-biel-alomar tag-catalina-cladera tag-federacio-socialista-de-mallorca tag-jaume-mateu tag-joan-ferrer tag-joan-mendez-2 tag-juana-m-adrover tag-omar-lamin tag-sofia-alonso\" role=\"article\">\n\t\t<figure class=\"post-gallery\"><img loading=\"lazy\" decoding=\"async\" width=\"600\" height=\"400\" src=\"https:\/\/www.psib-psoe.org\/mallorca\/wp-content\/uploads\/WhatsApp-Image-2026-04-08-at-11.44.12-1-600x400.jpeg\" class=\"attachment-notio-general-x2 size-notio-general-x2 wp-post-image\" alt=\"\" srcset=\"https:\/\/www.psib-psoe.org\/mallorca\/wp-content\/uploads\/WhatsApp-Image-2026-04-08-at-11.44.12-1-600x400.jpeg 600w, https:\/\/www.psib-psoe.org\/mallorca\/wp-content\/uploads\/WhatsApp-Image-2026-04-08-at-11.44.12-1-300x200.jpeg 300w, https:\/\/www.psib-psoe.org\/mallorca\/wp-content\/uploads\/WhatsApp-Image-2026-04-08-at-11.44.12-1-900x600.jpeg 900w, https:\/\/www.psib-psoe.org\/mallorca\/wp-content\/uploads\/WhatsApp-Image-2026-04-08-at-11.44.12-1-20x13.jpeg 20w\" sizes=\"(max-width: 600px) 100vw, 600px\" \/><\/figure>\n\t\t<div class=\"blog-top\">\n\t\t\t<header class=\"post-title entry-header\">\n\t\t\t\t<aside class=\"post-meta cf\">\n\t\t08\/04\/2026 \/ <a href=\"https:\/\/www.psib-psoe.org\/mallorca\/category\/federacio-de-mallorca\/\" rel=\"category tag\">Federaci\u00f3 de Mallorca<\/a>, <a href=\"https:\/\/www.psib-psoe.org\/mallorca\/category\/federacio-de-mallorca-portada\/\" rel=\"category tag\">Federaci\u00f3 de Mallorca - Portada<\/a>, <a href=\"https:\/\/www.psib-psoe.org\/mallorca\/category\/municipis\/\" rel=\"category tag\">Municipis<\/a>, <a href=\"https:\/\/www.psib-psoe.org\/mallorca\/category\/portada\/\" rel=\"category tag\">Portada<\/a><\/aside>\n\t\t\t\t<h3 itemprop=\"headline\"><a href=\"https:\/\/www.psib-psoe.org\/mallorca\/cladera-galmes-ha-de-fer-arribar-les-ajudes-de-lescut-social-a-tothom-especialment-a-qui-mes-les-necessita\/\" title=\"Cladera: \u201cGalm\u00e9s ha de fer arribar les ajudes de l\u2019escut social a tothom, especialment a qui m\u00e9s les necessita\u201d.\">Cladera: \u201cGalm\u00e9s ha de fer arribar les ajudes de l\u2019escut social a tothom, especialment a qui m\u00e9s les necessita\u201d.<\/a><\/h3>\n\t\t\t<\/header>\n\t\t<\/div>\n\t\t<div class=\"post-content\">\n\t\t\t<a href=\"https:\/\/www.psib-psoe.org\/mallorca\/cladera-galmes-ha-de-fer-arribar-les-ajudes-de-lescut-social-a-tothom-especialment-a-qui-mes-les-necessita\/\" class=\"more-link\">Read More<\/a>\n\t\t<\/div>\n\t\t\t<aside class=\"post-bottom-meta hide\">\n\t\t<strong rel=\"author\" itemprop=\"author\" class=\"author vcard\"><span class=\"fn\">Albert<\/span><\/strong>\n\t\t<time class=\"date published time\" datetime=\"2026-04-08T12:48:14+02:00\" itemprop=\"datePublished\" content=\"2026-04-08T12:48:14+02:00\">3 setmanes ago<\/time>\n\t\t<meta itemprop=\"dateModified\" class=\"date updated\" content=\"2026-04-08T12:48:26+02:00\">\n\t\t<span class=\"hide\" itemprop=\"publisher\" itemscope itemtype=\"https:\/\/schema.org\/Organization\">\n\t\t\t<meta itemprop=\"name\" content=\"SocialistesdMca\">\n\t\t\t<span itemprop=\"logo\" itemscope itemtype=\"https:\/\/schema.org\/ImageObject\">\n\t\t\t\t<meta itemprop=\"url\" content=\"https:\/\/www.psib-psoe.org\/mallorca\/wp-content\/themes\/notio-wp\/assets\/img\/logo.png\">\n\t\t\t<\/span>\n\t\t\t<meta itemprop=\"url\" content=\"https:\/\/www.psib-psoe.org\/mallorca\/\">\n\t\t<\/span>\n\t\t\t\t<span class=\"hide\" itemprop=\"image\" itemscope itemtype=\"http:\/\/schema.org\/ImageObject\">\n\t\t\t<meta itemprop=\"url\" content=\"https:\/\/www.psib-psoe.org\/mallorca\/wp-content\/uploads\/WhatsApp-Image-2026-04-08-at-11.44.12-1.jpeg\">\n\t\t\t<meta itemprop=\"width\" content=\"2048\">\n\t\t\t<meta itemprop=\"height\" content=\"1536\">\n\t\t<\/span>\n\t\t\t\t<meta itemscope itemprop=\"mainEntityOfPage\" itemtype=\"https:\/\/schema.org\/WebPage\" itemid=\"https:\/\/www.psib-psoe.org\/mallorca\/cladera-galmes-ha-de-fer-arribar-les-ajudes-de-lescut-social-a-tothom-especialment-a-qui-mes-les-necessita\/\">\n\t<\/aside>\n\t\t<\/article>\n<\/div>\n<div class=\"small-12 large-4 columns\">\n\t<article itemscope itemtype=\"http:\/\/schema.org\/Article\" class=\"post blog-style7 alt post-31212 type-post status-publish format-standard has-post-thumbnail hentry category-15e-congres-fsm category-federacio-de-mallorca category-federacio-de-mallorca-portada category-municipis category-portada tag-agrupacio-socialista-de-soller-2 tag-federacio-socialista-de-mallorca tag-jaume-mateu tag-mallorca tag-socialistes-de-mallorca tag-soller-2\" role=\"article\">\n\t\t<figure class=\"post-gallery\"><img loading=\"lazy\" decoding=\"async\" width=\"600\" height=\"400\" src=\"https:\/\/www.psib-psoe.org\/mallorca\/wp-content\/uploads\/Mateu-rdp-edited-600x400.jpeg\" class=\"attachment-notio-general-x2 size-notio-general-x2 wp-post-image\" alt=\"\" srcset=\"https:\/\/www.psib-psoe.org\/mallorca\/wp-content\/uploads\/Mateu-rdp-edited-600x400.jpeg 600w, https:\/\/www.psib-psoe.org\/mallorca\/wp-content\/uploads\/Mateu-rdp-edited-300x200.jpeg 300w, https:\/\/www.psib-psoe.org\/mallorca\/wp-content\/uploads\/Mateu-rdp-edited-1024x683.jpeg 1024w, https:\/\/www.psib-psoe.org\/mallorca\/wp-content\/uploads\/Mateu-rdp-edited-768x512.jpeg 768w, https:\/\/www.psib-psoe.org\/mallorca\/wp-content\/uploads\/Mateu-rdp-edited-150x100.jpeg 150w, https:\/\/www.psib-psoe.org\/mallorca\/wp-content\/uploads\/Mateu-rdp-edited-900x600.jpeg 900w, https:\/\/www.psib-psoe.org\/mallorca\/wp-content\/uploads\/Mateu-rdp-edited-20x13.jpeg 20w, https:\/\/www.psib-psoe.org\/mallorca\/wp-content\/uploads\/Mateu-rdp-edited.jpeg 1200w\" sizes=\"(max-width: 600px) 100vw, 600px\" \/><\/figure>\n\t\t<div class=\"blog-top\">\n\t\t\t<header class=\"post-title entry-header\">\n\t\t\t\t<aside class=\"post-meta cf\">\n\t\t08\/04\/2026 \/ <a href=\"https:\/\/www.psib-psoe.org\/mallorca\/category\/15e-congres-fsm\/\" rel=\"category tag\">15\u00e8 Congr\u00e9s FSM<\/a>, <a href=\"https:\/\/www.psib-psoe.org\/mallorca\/category\/federacio-de-mallorca\/\" rel=\"category tag\">Federaci\u00f3 de Mallorca<\/a>, <a href=\"https:\/\/www.psib-psoe.org\/mallorca\/category\/federacio-de-mallorca-portada\/\" rel=\"category tag\">Federaci\u00f3 de Mallorca - Portada<\/a>, <a href=\"https:\/\/www.psib-psoe.org\/mallorca\/category\/municipis\/\" rel=\"category tag\">Municipis<\/a>, <a href=\"https:\/\/www.psib-psoe.org\/mallorca\/category\/portada\/\" rel=\"category tag\">Portada<\/a><\/aside>\n\t\t\t\t<h3 itemprop=\"headline\"><a href=\"https:\/\/www.psib-psoe.org\/mallorca\/els-socialistes-de-soller-demanen-la-retirada-i-revisio-de-la-reforma-circulatoria-davant-el-caos-generat-durant-les-festes-de-pasqua\/\" title=\"Els Socialistes de S\u00f3ller demanen la retirada i revisi\u00f3 de la reforma circulat\u00f2ria davant el caos generat durant les festes de Pasqua\">Els Socialistes de S\u00f3ller demanen la retirada i revisi\u00f3 de la reforma circulat\u00f2ria davant el caos generat durant les festes de Pasqua<\/a><\/h3>\n\t\t\t<\/header>\n\t\t<\/div>\n\t\t<div class=\"post-content\">\n\t\t\t<a href=\"https:\/\/www.psib-psoe.org\/mallorca\/els-socialistes-de-soller-demanen-la-retirada-i-revisio-de-la-reforma-circulatoria-davant-el-caos-generat-durant-les-festes-de-pasqua\/\" class=\"more-link\">Read More<\/a>\n\t\t<\/div>\n\t\t\t<aside class=\"post-bottom-meta hide\">\n\t\t<strong rel=\"author\" itemprop=\"author\" class=\"author vcard\"><span class=\"fn\">Marc<\/span><\/strong>\n\t\t<time class=\"date published time\" datetime=\"2026-04-08T11:31:42+02:00\" itemprop=\"datePublished\" content=\"2026-04-08T11:31:42+02:00\">3 setmanes ago<\/time>\n\t\t<meta itemprop=\"dateModified\" class=\"date updated\" content=\"2026-04-08T11:35:38+02:00\">\n\t\t<span class=\"hide\" itemprop=\"publisher\" itemscope itemtype=\"https:\/\/schema.org\/Organization\">\n\t\t\t<meta itemprop=\"name\" content=\"SocialistesdMca\">\n\t\t\t<span itemprop=\"logo\" itemscope itemtype=\"https:\/\/schema.org\/ImageObject\">\n\t\t\t\t<meta itemprop=\"url\" content=\"https:\/\/www.psib-psoe.org\/mallorca\/wp-content\/themes\/notio-wp\/assets\/img\/logo.png\">\n\t\t\t<\/span>\n\t\t\t<meta itemprop=\"url\" content=\"https:\/\/www.psib-psoe.org\/mallorca\/\">\n\t\t<\/span>\n\t\t\t\t<span class=\"hide\" itemprop=\"image\" itemscope itemtype=\"http:\/\/schema.org\/ImageObject\">\n\t\t\t<meta itemprop=\"url\" content=\"https:\/\/www.psib-psoe.org\/mallorca\/wp-content\/uploads\/Mateu-rdp-edited.jpeg\">\n\t\t\t<meta itemprop=\"width\" content=\"1200\">\n\t\t\t<meta itemprop=\"height\" content=\"800\">\n\t\t<\/span>\n\t\t\t\t<meta itemscope itemprop=\"mainEntityOfPage\" itemtype=\"https:\/\/schema.org\/WebPage\" itemid=\"https:\/\/www.psib-psoe.org\/mallorca\/els-socialistes-de-soller-demanen-la-retirada-i-revisio-de-la-reforma-circulatoria-davant-el-caos-generat-durant-les-festes-de-pasqua\/\">\n\t<\/aside>\n\t\t<\/article>\n<\/div>\n<div class=\"small-12 large-4 columns\">\n\t<article itemscope itemtype=\"http:\/\/schema.org\/Article\" class=\"post blog-style7 alt post-31206 type-post status-publish format-standard has-post-thumbnail hentry category-federacio-de-mallorca category-federacio-de-mallorca-portada category-municipis category-portada tag-amanda-fernandez tag-andreu-serra tag-ares-fernandez tag-bea-gamundi tag-biel-alomar tag-catalina-cladera tag-federacio-socialista-de-mallorca tag-jaume-mateu tag-joan-ferrer tag-joan-mendez-2 tag-juana-m-adrover tag-sofia-alonso\" role=\"article\">\n\t\t<figure class=\"post-gallery\"><img loading=\"lazy\" decoding=\"async\" width=\"600\" height=\"400\" src=\"https:\/\/www.psib-psoe.org\/mallorca\/wp-content\/uploads\/Joan-rdp-1-edited-600x400.jpeg\" class=\"attachment-notio-general-x2 size-notio-general-x2 wp-post-image\" alt=\"\" srcset=\"https:\/\/www.psib-psoe.org\/mallorca\/wp-content\/uploads\/Joan-rdp-1-edited-600x400.jpeg 600w, https:\/\/www.psib-psoe.org\/mallorca\/wp-content\/uploads\/Joan-rdp-1-edited-300x200.jpeg 300w, https:\/\/www.psib-psoe.org\/mallorca\/wp-content\/uploads\/Joan-rdp-1-edited-900x600.jpeg 900w, https:\/\/www.psib-psoe.org\/mallorca\/wp-content\/uploads\/Joan-rdp-1-edited-20x13.jpeg 20w\" sizes=\"(max-width: 600px) 100vw, 600px\" \/><\/figure>\n\t\t<div class=\"blog-top\">\n\t\t\t<header class=\"post-title entry-header\">\n\t\t\t\t<aside class=\"post-meta cf\">\n\t\t04\/04\/2026 \/ <a href=\"https:\/\/www.psib-psoe.org\/mallorca\/category\/federacio-de-mallorca\/\" rel=\"category tag\">Federaci\u00f3 de Mallorca<\/a>, <a href=\"https:\/\/www.psib-psoe.org\/mallorca\/category\/federacio-de-mallorca-portada\/\" rel=\"category tag\">Federaci\u00f3 de Mallorca - Portada<\/a>, <a href=\"https:\/\/www.psib-psoe.org\/mallorca\/category\/municipis\/\" rel=\"category tag\">Municipis<\/a>, <a href=\"https:\/\/www.psib-psoe.org\/mallorca\/category\/portada\/\" rel=\"category tag\">Portada<\/a><\/aside>\n\t\t\t\t<h3 itemprop=\"headline\"><a href=\"https:\/\/www.psib-psoe.org\/mallorca\/el-grup-socialista-impulsa-una-reforma-profunda-de-la-llei-de-patrimoni-per-adaptar-la-a-les-necessitats-del-segle-xxi\/\" title=\"El Grup Socialista impulsa una reforma profunda de la Llei de Patrimoni per adaptar-la a les necessitats del segle XXI.\">El Grup Socialista impulsa una reforma profunda de la Llei de Patrimoni per adaptar-la a les necessitats del segle XXI.<\/a><\/h3>\n\t\t\t<\/header>\n\t\t<\/div>\n\t\t<div class=\"post-content\">\n\t\t\t<a href=\"https:\/\/www.psib-psoe.org\/mallorca\/el-grup-socialista-impulsa-una-reforma-profunda-de-la-llei-de-patrimoni-per-adaptar-la-a-les-necessitats-del-segle-xxi\/\" class=\"more-link\">Read More<\/a>\n\t\t<\/div>\n\t\t\t<aside class=\"post-bottom-meta hide\">\n\t\t<strong rel=\"author\" itemprop=\"author\" class=\"author vcard\"><span class=\"fn\">Albert<\/span><\/strong>\n\t\t<time class=\"date published time\" datetime=\"2026-04-04T12:47:05+02:00\" itemprop=\"datePublished\" content=\"2026-04-04T12:47:05+02:00\">4 setmanes ago<\/time>\n\t\t<meta itemprop=\"dateModified\" class=\"date updated\" content=\"2026-04-04T12:47:17+02:00\">\n\t\t<span class=\"hide\" itemprop=\"publisher\" itemscope itemtype=\"https:\/\/schema.org\/Organization\">\n\t\t\t<meta itemprop=\"name\" content=\"SocialistesdMca\">\n\t\t\t<span itemprop=\"logo\" itemscope itemtype=\"https:\/\/schema.org\/ImageObject\">\n\t\t\t\t<meta itemprop=\"url\" content=\"https:\/\/www.psib-psoe.org\/mallorca\/wp-content\/themes\/notio-wp\/assets\/img\/logo.png\">\n\t\t\t<\/span>\n\t\t\t<meta itemprop=\"url\" content=\"https:\/\/www.psib-psoe.org\/mallorca\/\">\n\t\t<\/span>\n\t\t\t\t<span class=\"hide\" itemprop=\"image\" itemscope itemtype=\"http:\/\/schema.org\/ImageObject\">\n\t\t\t<meta itemprop=\"url\" content=\"https:\/\/www.psib-psoe.org\/mallorca\/wp-content\/uploads\/Joan-rdp-1-edited-scaled.jpeg\">\n\t\t\t<meta itemprop=\"width\" content=\"2560\">\n\t\t\t<meta itemprop=\"height\" content=\"1920\">\n\t\t<\/span>\n\t\t\t\t<meta itemscope itemprop=\"mainEntityOfPage\" itemtype=\"https:\/\/schema.org\/WebPage\" itemid=\"https:\/\/www.psib-psoe.org\/mallorca\/el-grup-socialista-impulsa-una-reforma-profunda-de-la-llei-de-patrimoni-per-adaptar-la-a-les-necessitats-del-segle-xxi\/\">\n\t<\/aside>\n\t\t<\/article>\n<\/div>\n<div class=\"small-12 large-4 columns\">\n\t<article itemscope itemtype=\"http:\/\/schema.org\/Article\" class=\"post blog-style7 alt post-31203 type-post status-publish format-standard has-post-thumbnail hentry category-consell-de-mallorca category-federacio-de-mallorca category-federacio-de-mallorca-portada category-portada tag-agrupacio-socialista-dandratx tag-amanda-fernandez tag-antoni-mir tag-ares-fernandez tag-consell-de-mallorca tag-enaitz-inan tag-federacio-socialista-de-mallorca tag-joan-ferrer tag-tolo-aguilar\" role=\"article\">\n\t\t<figure class=\"post-gallery\"><img loading=\"lazy\" decoding=\"async\" width=\"600\" height=\"400\" src=\"https:\/\/www.psib-psoe.org\/mallorca\/wp-content\/uploads\/Andratx-mocio-210324-1-edited-600x400.jpeg\" class=\"attachment-notio-general-x2 size-notio-general-x2 wp-post-image\" alt=\"\" srcset=\"https:\/\/www.psib-psoe.org\/mallorca\/wp-content\/uploads\/Andratx-mocio-210324-1-edited-600x400.jpeg 600w, https:\/\/www.psib-psoe.org\/mallorca\/wp-content\/uploads\/Andratx-mocio-210324-1-edited-300x200.jpeg 300w, https:\/\/www.psib-psoe.org\/mallorca\/wp-content\/uploads\/Andratx-mocio-210324-1-edited-900x600.jpeg 900w, https:\/\/www.psib-psoe.org\/mallorca\/wp-content\/uploads\/Andratx-mocio-210324-1-edited-20x13.jpeg 20w\" sizes=\"(max-width: 600px) 100vw, 600px\" \/><\/figure>\n\t\t<div class=\"blog-top\">\n\t\t\t<header class=\"post-title entry-header\">\n\t\t\t\t<aside class=\"post-meta cf\">\n\t\t03\/04\/2026 \/ <a href=\"https:\/\/www.psib-psoe.org\/mallorca\/category\/consell-de-mallorca\/\" rel=\"category tag\">Consell de Mallorca<\/a>, <a href=\"https:\/\/www.psib-psoe.org\/mallorca\/category\/federacio-de-mallorca\/\" rel=\"category tag\">Federaci\u00f3 de Mallorca<\/a>, <a href=\"https:\/\/www.psib-psoe.org\/mallorca\/category\/federacio-de-mallorca-portada\/\" rel=\"category tag\">Federaci\u00f3 de Mallorca - Portada<\/a>, <a href=\"https:\/\/www.psib-psoe.org\/mallorca\/category\/portada\/\" rel=\"category tag\">Portada<\/a><\/aside>\n\t\t\t\t<h3 itemprop=\"headline\"><a href=\"https:\/\/www.psib-psoe.org\/mallorca\/els-socialistes-dandratx-impulsen-una-condemna-institucional-de-lajuntament-pels-atacs-homofobs-a-un-docent-de-lies-baltasar-porcel\/\" title=\"Els Socialistes d\u2019Andratx impulsen una condemna institucional de l\u2019Ajuntament pels atacs hom\u00f2fobs a un docent de l\u2019IES Baltasar Porcel.\">Els Socialistes d\u2019Andratx impulsen una condemna institucional de l\u2019Ajuntament pels atacs hom\u00f2fobs a un docent de l\u2019IES Baltasar Porcel.<\/a><\/h3>\n\t\t\t<\/header>\n\t\t<\/div>\n\t\t<div class=\"post-content\">\n\t\t\t<a href=\"https:\/\/www.psib-psoe.org\/mallorca\/els-socialistes-dandratx-impulsen-una-condemna-institucional-de-lajuntament-pels-atacs-homofobs-a-un-docent-de-lies-baltasar-porcel\/\" class=\"more-link\">Read More<\/a>\n\t\t<\/div>\n\t\t\t<aside class=\"post-bottom-meta hide\">\n\t\t<strong rel=\"author\" itemprop=\"author\" class=\"author vcard\"><span class=\"fn\">Albert<\/span><\/strong>\n\t\t<time class=\"date published time\" datetime=\"2026-04-03T11:01:17+02:00\" itemprop=\"datePublished\" content=\"2026-04-03T11:01:17+02:00\">4 setmanes ago<\/time>\n\t\t<meta itemprop=\"dateModified\" class=\"date updated\" content=\"2026-04-03T11:01:30+02:00\">\n\t\t<span class=\"hide\" itemprop=\"publisher\" itemscope itemtype=\"https:\/\/schema.org\/Organization\">\n\t\t\t<meta itemprop=\"name\" content=\"SocialistesdMca\">\n\t\t\t<span itemprop=\"logo\" itemscope itemtype=\"https:\/\/schema.org\/ImageObject\">\n\t\t\t\t<meta itemprop=\"url\" content=\"https:\/\/www.psib-psoe.org\/mallorca\/wp-content\/themes\/notio-wp\/assets\/img\/logo.png\">\n\t\t\t<\/span>\n\t\t\t<meta itemprop=\"url\" content=\"https:\/\/www.psib-psoe.org\/mallorca\/\">\n\t\t<\/span>\n\t\t\t\t<span class=\"hide\" itemprop=\"image\" itemscope itemtype=\"http:\/\/schema.org\/ImageObject\">\n\t\t\t<meta itemprop=\"url\" content=\"https:\/\/www.psib-psoe.org\/mallorca\/wp-content\/uploads\/Andratx-mocio-210324-1-edited.jpeg\">\n\t\t\t<meta itemprop=\"width\" content=\"1536\">\n\t\t\t<meta itemprop=\"height\" content=\"1536\">\n\t\t<\/span>\n\t\t\t\t<meta itemscope itemprop=\"mainEntityOfPage\" itemtype=\"https:\/\/schema.org\/WebPage\" itemid=\"https:\/\/www.psib-psoe.org\/mallorca\/els-socialistes-dandratx-impulsen-una-condemna-institucional-de-lajuntament-pels-atacs-homofobs-a-un-docent-de-lies-baltasar-porcel\/\">\n\t<\/aside>\n\t\t<\/article>\n<\/div>\n<div class=\"small-12 large-4 columns\">\n\t<article itemscope itemtype=\"http:\/\/schema.org\/Article\" class=\"post blog-style7 alt post-31198 type-post status-publish format-standard has-post-thumbnail hentry category-federacio-de-mallorca category-federacio-de-mallorca-portada category-municipis category-portada tag-amanda-fernandez tag-andreu-serra tag-ares-fernandez tag-bea-gamundi tag-biel-alomar tag-catalina-cladera tag-federacio-socialista-de-mallorca tag-jaume-mateu tag-joan-ferrer tag-joan-mendez-2 tag-juana-m-adrover tag-sofia-alonso\" role=\"article\">\n\t\t<figure class=\"post-gallery\"><img loading=\"lazy\" decoding=\"async\" width=\"600\" height=\"400\" src=\"https:\/\/www.psib-psoe.org\/mallorca\/wp-content\/uploads\/Mateu-rdp-edited-600x400.jpeg\" class=\"attachment-notio-general-x2 size-notio-general-x2 wp-post-image\" alt=\"\" srcset=\"https:\/\/www.psib-psoe.org\/mallorca\/wp-content\/uploads\/Mateu-rdp-edited-600x400.jpeg 600w, https:\/\/www.psib-psoe.org\/mallorca\/wp-content\/uploads\/Mateu-rdp-edited-300x200.jpeg 300w, https:\/\/www.psib-psoe.org\/mallorca\/wp-content\/uploads\/Mateu-rdp-edited-1024x683.jpeg 1024w, https:\/\/www.psib-psoe.org\/mallorca\/wp-content\/uploads\/Mateu-rdp-edited-768x512.jpeg 768w, https:\/\/www.psib-psoe.org\/mallorca\/wp-content\/uploads\/Mateu-rdp-edited-150x100.jpeg 150w, https:\/\/www.psib-psoe.org\/mallorca\/wp-content\/uploads\/Mateu-rdp-edited-900x600.jpeg 900w, https:\/\/www.psib-psoe.org\/mallorca\/wp-content\/uploads\/Mateu-rdp-edited-20x13.jpeg 20w, https:\/\/www.psib-psoe.org\/mallorca\/wp-content\/uploads\/Mateu-rdp-edited.jpeg 1200w\" sizes=\"(max-width: 600px) 100vw, 600px\" \/><\/figure>\n\t\t<div class=\"blog-top\">\n\t\t\t<header class=\"post-title entry-header\">\n\t\t\t\t<aside class=\"post-meta cf\">\n\t\t01\/04\/2026 \/ <a href=\"https:\/\/www.psib-psoe.org\/mallorca\/category\/federacio-de-mallorca\/\" rel=\"category tag\">Federaci\u00f3 de Mallorca<\/a>, <a href=\"https:\/\/www.psib-psoe.org\/mallorca\/category\/federacio-de-mallorca-portada\/\" rel=\"category tag\">Federaci\u00f3 de Mallorca - Portada<\/a>, <a href=\"https:\/\/www.psib-psoe.org\/mallorca\/category\/municipis\/\" rel=\"category tag\">Municipis<\/a>, <a href=\"https:\/\/www.psib-psoe.org\/mallorca\/category\/portada\/\" rel=\"category tag\">Portada<\/a><\/aside>\n\t\t\t\t<h3 itemprop=\"headline\"><a href=\"https:\/\/www.psib-psoe.org\/mallorca\/el-grup-socialista-reclama-una-xarxa-insular-de-refugis-climatics-i-protocols-de-proteccio-davant-les-altes-temperatures\/\" title=\"El Grup Socialista reclama una xarxa insular de refugis clim\u00e0tics i protocols de protecci\u00f3 davant les altes temperatures.\">El Grup Socialista reclama una xarxa insular de refugis clim\u00e0tics i protocols de protecci\u00f3 davant les altes temperatures.<\/a><\/h3>\n\t\t\t<\/header>\n\t\t<\/div>\n\t\t<div class=\"post-content\">\n\t\t\t<a href=\"https:\/\/www.psib-psoe.org\/mallorca\/el-grup-socialista-reclama-una-xarxa-insular-de-refugis-climatics-i-protocols-de-proteccio-davant-les-altes-temperatures\/\" class=\"more-link\">Read More<\/a>\n\t\t<\/div>\n\t\t\t<aside class=\"post-bottom-meta hide\">\n\t\t<strong rel=\"author\" itemprop=\"author\" class=\"author vcard\"><span class=\"fn\">Albert<\/span><\/strong>\n\t\t<time class=\"date published time\" datetime=\"2026-04-01T16:36:25+02:00\" itemprop=\"datePublished\" content=\"2026-04-01T16:36:25+02:00\">1 mes ago<\/time>\n\t\t<meta itemprop=\"dateModified\" class=\"date updated\" content=\"2026-04-01T16:36:37+02:00\">\n\t\t<span class=\"hide\" itemprop=\"publisher\" itemscope itemtype=\"https:\/\/schema.org\/Organization\">\n\t\t\t<meta itemprop=\"name\" content=\"SocialistesdMca\">\n\t\t\t<span itemprop=\"logo\" itemscope itemtype=\"https:\/\/schema.org\/ImageObject\">\n\t\t\t\t<meta itemprop=\"url\" content=\"https:\/\/www.psib-psoe.org\/mallorca\/wp-content\/themes\/notio-wp\/assets\/img\/logo.png\">\n\t\t\t<\/span>\n\t\t\t<meta itemprop=\"url\" content=\"https:\/\/www.psib-psoe.org\/mallorca\/\">\n\t\t<\/span>\n\t\t\t\t<span class=\"hide\" itemprop=\"image\" itemscope itemtype=\"http:\/\/schema.org\/ImageObject\">\n\t\t\t<meta itemprop=\"url\" content=\"https:\/\/www.psib-psoe.org\/mallorca\/wp-content\/uploads\/Mateu-rdp-edited.jpeg\">\n\t\t\t<meta itemprop=\"width\" content=\"1200\">\n\t\t\t<meta itemprop=\"height\" content=\"800\">\n\t\t<\/span>\n\t\t\t\t<meta itemscope itemprop=\"mainEntityOfPage\" itemtype=\"https:\/\/schema.org\/WebPage\" itemid=\"https:\/\/www.psib-psoe.org\/mallorca\/el-grup-socialista-reclama-una-xarxa-insular-de-refugis-climatics-i-protocols-de-proteccio-davant-les-altes-temperatures\/\">\n\t<\/aside>\n\t\t<\/article>\n<\/div>\n<div class=\"small-12 large-4 columns\">\n\t<article itemscope itemtype=\"http:\/\/schema.org\/Article\" class=\"post blog-style7 alt post-31194 type-post status-publish format-standard has-post-thumbnail hentry category-federacio-de-mallorca category-federacio-de-mallorca-portada category-municipis category-portada tag-amanda-fernandez tag-andreu-serra tag-ares-fernandez tag-bea-gamundi tag-biel-alomar tag-catalina-cladera tag-federacio-socialista-de-mallorca tag-jaume-mateu tag-joan-ferrer tag-joan-mendez-2 tag-juana-m-adrover tag-sofia-alonso\" role=\"article\">\n\t\t<figure class=\"post-gallery\"><img loading=\"lazy\" decoding=\"async\" width=\"600\" height=\"400\" src=\"https:\/\/www.psib-psoe.org\/mallorca\/wp-content\/uploads\/Imatge-rdp--600x400.jpeg\" class=\"attachment-notio-general-x2 size-notio-general-x2 wp-post-image\" alt=\"\" srcset=\"https:\/\/www.psib-psoe.org\/mallorca\/wp-content\/uploads\/Imatge-rdp--600x400.jpeg 600w, https:\/\/www.psib-psoe.org\/mallorca\/wp-content\/uploads\/Imatge-rdp--300x200.jpeg 300w, https:\/\/www.psib-psoe.org\/mallorca\/wp-content\/uploads\/Imatge-rdp--900x600.jpeg 900w, https:\/\/www.psib-psoe.org\/mallorca\/wp-content\/uploads\/Imatge-rdp--20x13.jpeg 20w\" sizes=\"(max-width: 600px) 100vw, 600px\" \/><\/figure>\n\t\t<div class=\"blog-top\">\n\t\t\t<header class=\"post-title entry-header\">\n\t\t\t\t<aside class=\"post-meta cf\">\n\t\t01\/04\/2026 \/ <a href=\"https:\/\/www.psib-psoe.org\/mallorca\/category\/federacio-de-mallorca\/\" rel=\"category tag\">Federaci\u00f3 de Mallorca<\/a>, <a href=\"https:\/\/www.psib-psoe.org\/mallorca\/category\/federacio-de-mallorca-portada\/\" rel=\"category tag\">Federaci\u00f3 de Mallorca - Portada<\/a>, <a href=\"https:\/\/www.psib-psoe.org\/mallorca\/category\/municipis\/\" rel=\"category tag\">Municipis<\/a>, <a href=\"https:\/\/www.psib-psoe.org\/mallorca\/category\/portada\/\" rel=\"category tag\">Portada<\/a><\/aside>\n\t\t\t\t<h3 itemprop=\"headline\"><a href=\"https:\/\/www.psib-psoe.org\/mallorca\/el-grup-socialista-reclama-que-els-84-milions-deuros-descut-social-del-consell-siguin-reals-i-efectius-i-que-incloguin-mesures-per-millorar-acces-a-lhabita\/\" title=\"El Grup Socialista reclama que els 84 milions d\u2019euros d\u2019escut social del Consell siguin \u201creals i efectius\u201d i que incloguin mesures per millorar acc\u00e9s a l\u2019habitatge.\">El Grup Socialista reclama que els 84 milions d\u2019euros d\u2019escut social del Consell siguin \u201creals i efectius\u201d i que incloguin mesures per millorar acc\u00e9s a l\u2019habitatge.<\/a><\/h3>\n\t\t\t<\/header>\n\t\t<\/div>\n\t\t<div class=\"post-content\">\n\t\t\t<a href=\"https:\/\/www.psib-psoe.org\/mallorca\/el-grup-socialista-reclama-que-els-84-milions-deuros-descut-social-del-consell-siguin-reals-i-efectius-i-que-incloguin-mesures-per-millorar-acces-a-lhabita\/\" class=\"more-link\">Read More<\/a>\n\t\t<\/div>\n\t\t\t<aside class=\"post-bottom-meta hide\">\n\t\t<strong rel=\"author\" itemprop=\"author\" class=\"author vcard\"><span class=\"fn\">Albert<\/span><\/strong>\n\t\t<time class=\"date published time\" datetime=\"2026-04-01T11:56:34+02:00\" itemprop=\"datePublished\" content=\"2026-04-01T11:56:34+02:00\">1 mes ago<\/time>\n\t\t<meta itemprop=\"dateModified\" class=\"date updated\" content=\"2026-04-01T11:56:46+02:00\">\n\t\t<span class=\"hide\" itemprop=\"publisher\" itemscope itemtype=\"https:\/\/schema.org\/Organization\">\n\t\t\t<meta itemprop=\"name\" content=\"SocialistesdMca\">\n\t\t\t<span itemprop=\"logo\" itemscope itemtype=\"https:\/\/schema.org\/ImageObject\">\n\t\t\t\t<meta itemprop=\"url\" content=\"https:\/\/www.psib-psoe.org\/mallorca\/wp-content\/themes\/notio-wp\/assets\/img\/logo.png\">\n\t\t\t<\/span>\n\t\t\t<meta itemprop=\"url\" content=\"https:\/\/www.psib-psoe.org\/mallorca\/\">\n\t\t<\/span>\n\t\t\t\t<span class=\"hide\" itemprop=\"image\" itemscope itemtype=\"http:\/\/schema.org\/ImageObject\">\n\t\t\t<meta itemprop=\"url\" content=\"https:\/\/www.psib-psoe.org\/mallorca\/wp-content\/uploads\/Imatge-rdp-.jpeg\">\n\t\t\t<meta itemprop=\"width\" content=\"1600\">\n\t\t\t<meta itemprop=\"height\" content=\"1200\">\n\t\t<\/span>\n\t\t\t\t<meta itemscope itemprop=\"mainEntityOfPage\" itemtype=\"https:\/\/schema.org\/WebPage\" itemid=\"https:\/\/www.psib-psoe.org\/mallorca\/el-grup-socialista-reclama-que-els-84-milions-deuros-descut-social-del-consell-siguin-reals-i-efectius-i-que-incloguin-mesures-per-millorar-acces-a-lhabita\/\">\n\t<\/aside>\n\t\t<\/article>\n<\/div>\n<div class=\"small-12 large-4 columns\">\n\t<article itemscope itemtype=\"http:\/\/schema.org\/Article\" class=\"post blog-style7 alt post-31190 type-post status-publish format-standard has-post-thumbnail hentry category-federacio-de-mallorca category-federacio-de-mallorca-portada category-municipis category-portada tag-agrupacio-socialista-de-lloseta tag-amanda-fernandez tag-andreu-serra tag-ares-fernandez tag-bea-gamundi tag-biel-alomar tag-catalina-cladera tag-federacio-socialista-de-mallorca tag-jaume-mateu tag-joan-ferrer tag-joan-mendez-2 tag-juana-m-adrover tag-sofia-alonso\" role=\"article\">\n\t\t<figure class=\"post-gallery\"><img loading=\"lazy\" decoding=\"async\" width=\"600\" height=\"400\" src=\"https:\/\/www.psib-psoe.org\/mallorca\/wp-content\/uploads\/2-1-600x400.jpeg\" class=\"attachment-notio-general-x2 size-notio-general-x2 wp-post-image\" alt=\"\" srcset=\"https:\/\/www.psib-psoe.org\/mallorca\/wp-content\/uploads\/2-1-600x400.jpeg 600w, https:\/\/www.psib-psoe.org\/mallorca\/wp-content\/uploads\/2-1-300x200.jpeg 300w, https:\/\/www.psib-psoe.org\/mallorca\/wp-content\/uploads\/2-1-1024x682.jpeg 1024w, https:\/\/www.psib-psoe.org\/mallorca\/wp-content\/uploads\/2-1-768x512.jpeg 768w, https:\/\/www.psib-psoe.org\/mallorca\/wp-content\/uploads\/2-1-1536x1024.jpeg 1536w, https:\/\/www.psib-psoe.org\/mallorca\/wp-content\/uploads\/2-1-2048x1365.jpeg 2048w, https:\/\/www.psib-psoe.org\/mallorca\/wp-content\/uploads\/2-1-150x100.jpeg 150w, https:\/\/www.psib-psoe.org\/mallorca\/wp-content\/uploads\/2-1-900x600.jpeg 900w, https:\/\/www.psib-psoe.org\/mallorca\/wp-content\/uploads\/2-1-20x13.jpeg 20w\" sizes=\"(max-width: 600px) 100vw, 600px\" \/><\/figure>\n\t\t<div class=\"blog-top\">\n\t\t\t<header class=\"post-title entry-header\">\n\t\t\t\t<aside class=\"post-meta cf\">\n\t\t31\/03\/2026 \/ <a href=\"https:\/\/www.psib-psoe.org\/mallorca\/category\/federacio-de-mallorca\/\" rel=\"category tag\">Federaci\u00f3 de Mallorca<\/a>, <a href=\"https:\/\/www.psib-psoe.org\/mallorca\/category\/federacio-de-mallorca-portada\/\" rel=\"category tag\">Federaci\u00f3 de Mallorca - Portada<\/a>, <a href=\"https:\/\/www.psib-psoe.org\/mallorca\/category\/municipis\/\" rel=\"category tag\">Municipis<\/a>, <a href=\"https:\/\/www.psib-psoe.org\/mallorca\/category\/portada\/\" rel=\"category tag\">Portada<\/a><\/aside>\n\t\t\t\t<h3 itemprop=\"headline\"><a href=\"https:\/\/www.psib-psoe.org\/mallorca\/cladera-desmunta-el-gran-anunci-de-galmes-al-debat-del-consell-de-mallorca-el-projecte-de-300-habitatges-socials-a-can-domenge-ja-estava-al-pla-de-palma-que-va-aprovar-lesquerra\/\" title=\"Cladera desmunta el gran anunci de Galm\u00e9s al Debat del Consell de Mallorca: el projecte de 300 habitatges socials a Can Domenge ja estava al Pla de Palma que va aprovar l\u2019esquerra.\">Cladera desmunta el gran anunci de Galm\u00e9s al Debat del Consell de Mallorca: el projecte de 300 habitatges socials a Can Domenge ja estava al Pla de Palma que va aprovar l\u2019esquerra.<\/a><\/h3>\n\t\t\t<\/header>\n\t\t<\/div>\n\t\t<div class=\"post-content\">\n\t\t\t<a href=\"https:\/\/www.psib-psoe.org\/mallorca\/cladera-desmunta-el-gran-anunci-de-galmes-al-debat-del-consell-de-mallorca-el-projecte-de-300-habitatges-socials-a-can-domenge-ja-estava-al-pla-de-palma-que-va-aprovar-lesquerra\/\" class=\"more-link\">Read More<\/a>\n\t\t<\/div>\n\t\t\t<aside class=\"post-bottom-meta hide\">\n\t\t<strong rel=\"author\" itemprop=\"author\" class=\"author vcard\"><span class=\"fn\">Albert<\/span><\/strong>\n\t\t<time class=\"date published time\" datetime=\"2026-03-31T12:30:06+02:00\" itemprop=\"datePublished\" content=\"2026-03-31T12:30:06+02:00\">1 mes ago<\/time>\n\t\t<meta itemprop=\"dateModified\" class=\"date updated\" content=\"2026-03-31T12:30:18+02:00\">\n\t\t<span class=\"hide\" itemprop=\"publisher\" itemscope itemtype=\"https:\/\/schema.org\/Organization\">\n\t\t\t<meta itemprop=\"name\" content=\"SocialistesdMca\">\n\t\t\t<span itemprop=\"logo\" itemscope itemtype=\"https:\/\/schema.org\/ImageObject\">\n\t\t\t\t<meta itemprop=\"url\" content=\"https:\/\/www.psib-psoe.org\/mallorca\/wp-content\/themes\/notio-wp\/assets\/img\/logo.png\">\n\t\t\t<\/span>\n\t\t\t<meta itemprop=\"url\" content=\"https:\/\/www.psib-psoe.org\/mallorca\/\">\n\t\t<\/span>\n\t\t\t\t<span class=\"hide\" itemprop=\"image\" itemscope itemtype=\"http:\/\/schema.org\/ImageObject\">\n\t\t\t<meta itemprop=\"url\" content=\"https:\/\/www.psib-psoe.org\/mallorca\/wp-content\/uploads\/2-1.jpeg\">\n\t\t\t<meta itemprop=\"width\" content=\"2560\">\n\t\t\t<meta itemprop=\"height\" content=\"1706\">\n\t\t<\/span>\n\t\t\t\t<meta itemscope itemprop=\"mainEntityOfPage\" itemtype=\"https:\/\/schema.org\/WebPage\" itemid=\"https:\/\/www.psib-psoe.org\/mallorca\/cladera-desmunta-el-gran-anunci-de-galmes-al-debat-del-consell-de-mallorca-el-projecte-de-300-habitatges-socials-a-can-domenge-ja-estava-al-pla-de-palma-que-va-aprovar-lesquerra\/\">\n\t<\/aside>\n\t\t<\/article>\n<\/div>\n<div class=\"small-12 large-4 columns\">\n\t<article itemscope itemtype=\"http:\/\/schema.org\/Article\" class=\"post blog-style7 alt post-31185 type-post status-publish format-standard has-post-thumbnail hentry category-federacio-de-mallorca category-federacio-de-mallorca-portada category-municipis category-portada tag-agrupacio-socialista-de-lloseta tag-amanda-fernandez tag-ares-fernandez tag-es-garrovers tag-federacio-socialista-de-mallorca tag-marratxi tag-miquel-cabot\" role=\"article\">\n\t\t<figure class=\"post-gallery\"><img loading=\"lazy\" decoding=\"async\" width=\"600\" height=\"400\" src=\"https:\/\/www.psib-psoe.org\/mallorca\/wp-content\/uploads\/300326_Amanda-Fernandez-i-Miquel-Cabot-600x400.jpg\" class=\"attachment-notio-general-x2 size-notio-general-x2 wp-post-image\" alt=\"\" srcset=\"https:\/\/www.psib-psoe.org\/mallorca\/wp-content\/uploads\/300326_Amanda-Fernandez-i-Miquel-Cabot-600x400.jpg 600w, https:\/\/www.psib-psoe.org\/mallorca\/wp-content\/uploads\/300326_Amanda-Fernandez-i-Miquel-Cabot-300x200.jpg 300w, https:\/\/www.psib-psoe.org\/mallorca\/wp-content\/uploads\/300326_Amanda-Fernandez-i-Miquel-Cabot-900x600.jpg 900w, https:\/\/www.psib-psoe.org\/mallorca\/wp-content\/uploads\/300326_Amanda-Fernandez-i-Miquel-Cabot-20x13.jpg 20w\" sizes=\"(max-width: 600px) 100vw, 600px\" \/><\/figure>\n\t\t<div class=\"blog-top\">\n\t\t\t<header class=\"post-title entry-header\">\n\t\t\t\t<aside class=\"post-meta cf\">\n\t\t30\/03\/2026 \/ <a href=\"https:\/\/www.psib-psoe.org\/mallorca\/category\/federacio-de-mallorca\/\" rel=\"category tag\">Federaci\u00f3 de Mallorca<\/a>, <a href=\"https:\/\/www.psib-psoe.org\/mallorca\/category\/federacio-de-mallorca-portada\/\" rel=\"category tag\">Federaci\u00f3 de Mallorca - Portada<\/a>, <a href=\"https:\/\/www.psib-psoe.org\/mallorca\/category\/municipis\/\" rel=\"category tag\">Municipis<\/a>, <a href=\"https:\/\/www.psib-psoe.org\/mallorca\/category\/portada\/\" rel=\"category tag\">Portada<\/a><\/aside>\n\t\t\t\t<h3 itemprop=\"headline\"><a href=\"https:\/\/www.psib-psoe.org\/mallorca\/el-psib-psoe-denuncia-la-inaccio-del-consell-de-mallorca-i-lajuntament-de-marratxi-amb-el-vial-civic-que-ha-dunir-es-garrovers-amb-sa-cabaneta\/\" title=\"El PSIB-PSOE denuncia la \u201cinacci\u00f3\u201d del Consell de Mallorca i l\u2019Ajuntament de Marratx\u00ed amb el Vial C\u00edvic que ha d\u2019unir Es Garrovers amb Sa Cabaneta\">El PSIB-PSOE denuncia la \u201cinacci\u00f3\u201d del Consell de Mallorca i l\u2019Ajuntament de Marratx\u00ed amb el Vial C\u00edvic que ha d\u2019unir Es Garrovers amb Sa Cabaneta<\/a><\/h3>\n\t\t\t<\/header>\n\t\t<\/div>\n\t\t<div class=\"post-content\">\n\t\t\t<a href=\"https:\/\/www.psib-psoe.org\/mallorca\/el-psib-psoe-denuncia-la-inaccio-del-consell-de-mallorca-i-lajuntament-de-marratxi-amb-el-vial-civic-que-ha-dunir-es-garrovers-amb-sa-cabaneta\/\" class=\"more-link\">Read More<\/a>\n\t\t<\/div>\n\t\t\t<aside class=\"post-bottom-meta hide\">\n\t\t<strong rel=\"author\" itemprop=\"author\" class=\"author vcard\"><span class=\"fn\">Marc<\/span><\/strong>\n\t\t<time class=\"date published time\" datetime=\"2026-03-30T22:18:36+02:00\" itemprop=\"datePublished\" content=\"2026-03-30T22:18:36+02:00\">1 mes ago<\/time>\n\t\t<meta itemprop=\"dateModified\" class=\"date updated\" content=\"2026-03-30T22:18:50+02:00\">\n\t\t<span class=\"hide\" itemprop=\"publisher\" itemscope itemtype=\"https:\/\/schema.org\/Organization\">\n\t\t\t<meta itemprop=\"name\" content=\"SocialistesdMca\">\n\t\t\t<span itemprop=\"logo\" itemscope itemtype=\"https:\/\/schema.org\/ImageObject\">\n\t\t\t\t<meta itemprop=\"url\" content=\"https:\/\/www.psib-psoe.org\/mallorca\/wp-content\/themes\/notio-wp\/assets\/img\/logo.png\">\n\t\t\t<\/span>\n\t\t\t<meta itemprop=\"url\" content=\"https:\/\/www.psib-psoe.org\/mallorca\/\">\n\t\t<\/span>\n\t\t\t\t<span class=\"hide\" itemprop=\"image\" itemscope itemtype=\"http:\/\/schema.org\/ImageObject\">\n\t\t\t<meta itemprop=\"url\" content=\"https:\/\/www.psib-psoe.org\/mallorca\/wp-content\/uploads\/300326_Amanda-Fernandez-i-Miquel-Cabot-scaled.jpg\">\n\t\t\t<meta itemprop=\"width\" content=\"2560\">\n\t\t\t<meta itemprop=\"height\" content=\"1920\">\n\t\t<\/span>\n\t\t\t\t<meta itemscope itemprop=\"mainEntityOfPage\" itemtype=\"https:\/\/schema.org\/WebPage\" itemid=\"https:\/\/www.psib-psoe.org\/mallorca\/el-psib-psoe-denuncia-la-inaccio-del-consell-de-mallorca-i-lajuntament-de-marratxi-amb-el-vial-civic-que-ha-dunir-es-garrovers-amb-sa-cabaneta\/\">\n\t<\/aside>\n\t\t<\/article>\n<\/div>\n<div class=\"small-12 large-4 columns\">\n\t<article itemscope itemtype=\"http:\/\/schema.org\/Article\" class=\"post blog-style7 alt post-31182 type-post status-publish format-standard has-post-thumbnail hentry category-federacio-de-mallorca category-federacio-de-mallorca-portada category-municipis category-portada tag-agrupacio-socialista-de-lloseta tag-amanda-fernandez tag-andreu-serra tag-ares-fernandez tag-bea-gamundi tag-biel-alomar tag-catalina-cladera tag-federacio-socialista-de-mallorca tag-jaume-mateu tag-joan-ferrer tag-joan-mendez-2 tag-juana-m-adrover tag-sofia-alonso\" role=\"article\">\n\t\t<figure class=\"post-gallery\"><img loading=\"lazy\" decoding=\"async\" width=\"600\" height=\"400\" src=\"https:\/\/www.psib-psoe.org\/mallorca\/wp-content\/uploads\/DPG-1-600x400.jpeg\" class=\"attachment-notio-general-x2 size-notio-general-x2 wp-post-image\" alt=\"\" srcset=\"https:\/\/www.psib-psoe.org\/mallorca\/wp-content\/uploads\/DPG-1-600x400.jpeg 600w, https:\/\/www.psib-psoe.org\/mallorca\/wp-content\/uploads\/DPG-1-300x200.jpeg 300w, https:\/\/www.psib-psoe.org\/mallorca\/wp-content\/uploads\/DPG-1-900x600.jpeg 900w, https:\/\/www.psib-psoe.org\/mallorca\/wp-content\/uploads\/DPG-1-20x13.jpeg 20w\" sizes=\"(max-width: 600px) 100vw, 600px\" \/><\/figure>\n\t\t<div class=\"blog-top\">\n\t\t\t<header class=\"post-title entry-header\">\n\t\t\t\t<aside class=\"post-meta cf\">\n\t\t30\/03\/2026 \/ <a href=\"https:\/\/www.psib-psoe.org\/mallorca\/category\/federacio-de-mallorca\/\" rel=\"category tag\">Federaci\u00f3 de Mallorca<\/a>, <a href=\"https:\/\/www.psib-psoe.org\/mallorca\/category\/federacio-de-mallorca-portada\/\" rel=\"category tag\">Federaci\u00f3 de Mallorca - Portada<\/a>, <a href=\"https:\/\/www.psib-psoe.org\/mallorca\/category\/municipis\/\" rel=\"category tag\">Municipis<\/a>, <a href=\"https:\/\/www.psib-psoe.org\/mallorca\/category\/portada\/\" rel=\"category tag\">Portada<\/a><\/aside>\n\t\t\t\t<h3 itemprop=\"headline\"><a href=\"https:\/\/www.psib-psoe.org\/mallorca\/el-grup-socialista-denuncia-el-discurs-buit-i-repetitiu-de-galmes-en-el-debat-de-politica-general\/\" title=\"El Grup Socialista denuncia el \u201cdiscurs buit i repetitiu\u201d de Galm\u00e9s en el Debat de Pol\u00edtica General.\">El Grup Socialista denuncia el \u201cdiscurs buit i repetitiu\u201d de Galm\u00e9s en el Debat de Pol\u00edtica General.<\/a><\/h3>\n\t\t\t<\/header>\n\t\t<\/div>\n\t\t<div class=\"post-content\">\n\t\t\t<a href=\"https:\/\/www.psib-psoe.org\/mallorca\/el-grup-socialista-denuncia-el-discurs-buit-i-repetitiu-de-galmes-en-el-debat-de-politica-general\/\" class=\"more-link\">Read More<\/a>\n\t\t<\/div>\n\t\t\t<aside class=\"post-bottom-meta hide\">\n\t\t<strong rel=\"author\" itemprop=\"author\" class=\"author vcard\"><span class=\"fn\">Albert<\/span><\/strong>\n\t\t<time class=\"date published time\" datetime=\"2026-03-30T14:00:59+02:00\" itemprop=\"datePublished\" content=\"2026-03-30T14:00:59+02:00\">1 mes ago<\/time>\n\t\t<meta itemprop=\"dateModified\" class=\"date updated\" content=\"2026-03-30T14:01:10+02:00\">\n\t\t<span class=\"hide\" itemprop=\"publisher\" itemscope itemtype=\"https:\/\/schema.org\/Organization\">\n\t\t\t<meta itemprop=\"name\" content=\"SocialistesdMca\">\n\t\t\t<span itemprop=\"logo\" itemscope itemtype=\"https:\/\/schema.org\/ImageObject\">\n\t\t\t\t<meta itemprop=\"url\" content=\"https:\/\/www.psib-psoe.org\/mallorca\/wp-content\/themes\/notio-wp\/assets\/img\/logo.png\">\n\t\t\t<\/span>\n\t\t\t<meta itemprop=\"url\" content=\"https:\/\/www.psib-psoe.org\/mallorca\/\">\n\t\t<\/span>\n\t\t\t\t<span class=\"hide\" itemprop=\"image\" itemscope itemtype=\"http:\/\/schema.org\/ImageObject\">\n\t\t\t<meta itemprop=\"url\" content=\"https:\/\/www.psib-psoe.org\/mallorca\/wp-content\/uploads\/DPG-1.jpeg\">\n\t\t\t<meta itemprop=\"width\" content=\"1600\">\n\t\t\t<meta itemprop=\"height\" content=\"1200\">\n\t\t<\/span>\n\t\t\t\t<meta itemscope itemprop=\"mainEntityOfPage\" itemtype=\"https:\/\/schema.org\/WebPage\" itemid=\"https:\/\/www.psib-psoe.org\/mallorca\/el-grup-socialista-denuncia-el-discurs-buit-i-repetitiu-de-galmes-en-el-debat-de-politica-general\/\">\n\t<\/aside>\n\t\t<\/article>\n<\/div>\n<div class=\"small-12 large-4 columns\">\n\t<article itemscope itemtype=\"http:\/\/schema.org\/Article\" class=\"post blog-style7 alt post-31174 type-post status-publish format-standard has-post-thumbnail hentry category-federacio-de-mallorca category-federacio-de-mallorca-portada category-municipis category-portada tag-agrupacio-socialsita-de-calvia tag-amanda-fernandez tag-ares-fernandez tag-federacio-socialista-de-mallorca-2 tag-francina-armengol tag-m-angels-pujol\" role=\"article\">\n\t\t<figure class=\"post-gallery\"><img loading=\"lazy\" decoding=\"async\" width=\"600\" height=\"400\" src=\"https:\/\/www.psib-psoe.org\/mallorca\/wp-content\/uploads\/Maria-Plaza-2026-2-600x400.jpeg\" class=\"attachment-notio-general-x2 size-notio-general-x2 wp-post-image\" alt=\"\" srcset=\"https:\/\/www.psib-psoe.org\/mallorca\/wp-content\/uploads\/Maria-Plaza-2026-2-600x400.jpeg 600w, https:\/\/www.psib-psoe.org\/mallorca\/wp-content\/uploads\/Maria-Plaza-2026-2-300x200.jpeg 300w, https:\/\/www.psib-psoe.org\/mallorca\/wp-content\/uploads\/Maria-Plaza-2026-2-1024x682.jpeg 1024w, https:\/\/www.psib-psoe.org\/mallorca\/wp-content\/uploads\/Maria-Plaza-2026-2-768x512.jpeg 768w, https:\/\/www.psib-psoe.org\/mallorca\/wp-content\/uploads\/Maria-Plaza-2026-2-1536x1023.jpeg 1536w, https:\/\/www.psib-psoe.org\/mallorca\/wp-content\/uploads\/Maria-Plaza-2026-2-150x100.jpeg 150w, https:\/\/www.psib-psoe.org\/mallorca\/wp-content\/uploads\/Maria-Plaza-2026-2-900x600.jpeg 900w, https:\/\/www.psib-psoe.org\/mallorca\/wp-content\/uploads\/Maria-Plaza-2026-2-20x13.jpeg 20w, https:\/\/www.psib-psoe.org\/mallorca\/wp-content\/uploads\/Maria-Plaza-2026-2.jpeg 1600w\" sizes=\"(max-width: 600px) 100vw, 600px\" \/><\/figure>\n\t\t<div class=\"blog-top\">\n\t\t\t<header class=\"post-title entry-header\">\n\t\t\t\t<aside class=\"post-meta cf\">\n\t\t27\/03\/2026 \/ <a href=\"https:\/\/www.psib-psoe.org\/mallorca\/category\/federacio-de-mallorca\/\" rel=\"category tag\">Federaci\u00f3 de Mallorca<\/a>, <a href=\"https:\/\/www.psib-psoe.org\/mallorca\/category\/federacio-de-mallorca-portada\/\" rel=\"category tag\">Federaci\u00f3 de Mallorca - Portada<\/a>, <a href=\"https:\/\/www.psib-psoe.org\/mallorca\/category\/municipis\/\" rel=\"category tag\">Municipis<\/a>, <a href=\"https:\/\/www.psib-psoe.org\/mallorca\/category\/portada\/\" rel=\"category tag\">Portada<\/a><\/aside>\n\t\t\t\t<h3 itemprop=\"headline\"><a href=\"https:\/\/www.psib-psoe.org\/mallorca\/long-andiara-premi-maria-plaza-2026-que-les-socialistes-de-mallorca-atorguen-a-una-associacio-compromesa-amb-la-transformacio-social-des-del-feminisme\/\" title=\"L\u2019ONG Andiara, premi Maria Plaza 2026 que les Socialistes de Mallorca atorguen a una associaci\u00f3 compromesa amb la transformaci\u00f3 social des del feminisme.\">L\u2019ONG Andiara, premi Maria Plaza 2026 que les Socialistes de Mallorca atorguen a una associaci\u00f3 compromesa amb la transformaci\u00f3 social des del feminisme.<\/a><\/h3>\n\t\t\t<\/header>\n\t\t<\/div>\n\t\t<div class=\"post-content\">\n\t\t\t<a href=\"https:\/\/www.psib-psoe.org\/mallorca\/long-andiara-premi-maria-plaza-2026-que-les-socialistes-de-mallorca-atorguen-a-una-associacio-compromesa-amb-la-transformacio-social-des-del-feminisme\/\" class=\"more-link\">Read More<\/a>\n\t\t<\/div>\n\t\t\t<aside class=\"post-bottom-meta hide\">\n\t\t<strong rel=\"author\" itemprop=\"author\" class=\"author vcard\"><span class=\"fn\">Albert<\/span><\/strong>\n\t\t<time class=\"date published time\" datetime=\"2026-03-27T22:54:08+02:00\" itemprop=\"datePublished\" content=\"2026-03-27T22:54:08+02:00\">1 mes ago<\/time>\n\t\t<meta itemprop=\"dateModified\" class=\"date updated\" content=\"2026-03-27T22:54:22+02:00\">\n\t\t<span class=\"hide\" itemprop=\"publisher\" itemscope itemtype=\"https:\/\/schema.org\/Organization\">\n\t\t\t<meta itemprop=\"name\" content=\"SocialistesdMca\">\n\t\t\t<span itemprop=\"logo\" itemscope itemtype=\"https:\/\/schema.org\/ImageObject\">\n\t\t\t\t<meta itemprop=\"url\" content=\"https:\/\/www.psib-psoe.org\/mallorca\/wp-content\/themes\/notio-wp\/assets\/img\/logo.png\">\n\t\t\t<\/span>\n\t\t\t<meta itemprop=\"url\" content=\"https:\/\/www.psib-psoe.org\/mallorca\/\">\n\t\t<\/span>\n\t\t\t\t<span class=\"hide\" itemprop=\"image\" itemscope itemtype=\"http:\/\/schema.org\/ImageObject\">\n\t\t\t<meta itemprop=\"url\" content=\"https:\/\/www.psib-psoe.org\/mallorca\/wp-content\/uploads\/Maria-Plaza-2026-2.jpeg\">\n\t\t\t<meta itemprop=\"width\" content=\"1600\">\n\t\t\t<meta itemprop=\"height\" content=\"1066\">\n\t\t<\/span>\n\t\t\t\t<meta itemscope itemprop=\"mainEntityOfPage\" itemtype=\"https:\/\/schema.org\/WebPage\" itemid=\"https:\/\/www.psib-psoe.org\/mallorca\/long-andiara-premi-maria-plaza-2026-que-les-socialistes-de-mallorca-atorguen-a-una-associacio-compromesa-amb-la-transformacio-social-des-del-feminisme\/\">\n\t<\/aside>\n\t\t<\/article>\n<\/div>\n<div class=\"small-12 large-4 columns\">\n\t<article itemscope itemtype=\"http:\/\/schema.org\/Article\" class=\"post blog-style7 alt post-31168 type-post status-publish format-standard has-post-thumbnail hentry category-federacio-de-mallorca category-federacio-de-mallorca-portada category-municipis category-portada tag-agrupacio-socialista-de-lloseta tag-amanda-fernandez tag-ares-fernandez tag-bea-gamundi tag-catalina-cladera tag-federacio-socialista-de-mallorca tag-joan-ferrer tag-paquita-campins tag-tolo-aguilar\" role=\"article\">\n\t\t<figure class=\"post-gallery\"><img loading=\"lazy\" decoding=\"async\" width=\"600\" height=\"400\" src=\"https:\/\/www.psib-psoe.org\/mallorca\/wp-content\/uploads\/CACIM-marc-26-600x400.jpeg\" class=\"attachment-notio-general-x2 size-notio-general-x2 wp-post-image\" alt=\"\" srcset=\"https:\/\/www.psib-psoe.org\/mallorca\/wp-content\/uploads\/CACIM-marc-26-600x400.jpeg 600w, https:\/\/www.psib-psoe.org\/mallorca\/wp-content\/uploads\/CACIM-marc-26-300x200.jpeg 300w, https:\/\/www.psib-psoe.org\/mallorca\/wp-content\/uploads\/CACIM-marc-26-900x600.jpeg 900w, https:\/\/www.psib-psoe.org\/mallorca\/wp-content\/uploads\/CACIM-marc-26-20x13.jpeg 20w\" sizes=\"(max-width: 600px) 100vw, 600px\" \/><\/figure>\n\t\t<div class=\"blog-top\">\n\t\t\t<header class=\"post-title entry-header\">\n\t\t\t\t<aside class=\"post-meta cf\">\n\t\t27\/03\/2026 \/ <a href=\"https:\/\/www.psib-psoe.org\/mallorca\/category\/federacio-de-mallorca\/\" rel=\"category tag\">Federaci\u00f3 de Mallorca<\/a>, <a href=\"https:\/\/www.psib-psoe.org\/mallorca\/category\/federacio-de-mallorca-portada\/\" rel=\"category tag\">Federaci\u00f3 de Mallorca - Portada<\/a>, <a href=\"https:\/\/www.psib-psoe.org\/mallorca\/category\/municipis\/\" rel=\"category tag\">Municipis<\/a>, <a href=\"https:\/\/www.psib-psoe.org\/mallorca\/category\/portada\/\" rel=\"category tag\">Portada<\/a><\/aside>\n\t\t\t\t<h3 itemprop=\"headline\"><a href=\"https:\/\/www.psib-psoe.org\/mallorca\/el-psib-psoe-alerta-a-lloseta-de-la-deficient-politica-cultural-del-consell-de-mallorca-a-la-part-forana\/\" title=\"El PSIB-PSOE alerta a Lloseta de la deficient pol\u00edtica cultural del Consell de Mallorca a la Part Forana.\">El PSIB-PSOE alerta a Lloseta de la deficient pol\u00edtica cultural del Consell de Mallorca a la Part Forana.<\/a><\/h3>\n\t\t\t<\/header>\n\t\t<\/div>\n\t\t<div class=\"post-content\">\n\t\t\t<a href=\"https:\/\/www.psib-psoe.org\/mallorca\/el-psib-psoe-alerta-a-lloseta-de-la-deficient-politica-cultural-del-consell-de-mallorca-a-la-part-forana\/\" class=\"more-link\">Read More<\/a>\n\t\t<\/div>\n\t\t\t<aside class=\"post-bottom-meta hide\">\n\t\t<strong rel=\"author\" itemprop=\"author\" class=\"author vcard\"><span class=\"fn\">Albert<\/span><\/strong>\n\t\t<time class=\"date published time\" datetime=\"2026-03-27T14:13:40+02:00\" itemprop=\"datePublished\" content=\"2026-03-27T14:13:40+02:00\">1 mes ago<\/time>\n\t\t<meta itemprop=\"dateModified\" class=\"date updated\" content=\"2026-03-27T14:13:53+02:00\">\n\t\t<span class=\"hide\" itemprop=\"publisher\" itemscope itemtype=\"https:\/\/schema.org\/Organization\">\n\t\t\t<meta itemprop=\"name\" content=\"SocialistesdMca\">\n\t\t\t<span itemprop=\"logo\" itemscope itemtype=\"https:\/\/schema.org\/ImageObject\">\n\t\t\t\t<meta itemprop=\"url\" content=\"https:\/\/www.psib-psoe.org\/mallorca\/wp-content\/themes\/notio-wp\/assets\/img\/logo.png\">\n\t\t\t<\/span>\n\t\t\t<meta itemprop=\"url\" content=\"https:\/\/www.psib-psoe.org\/mallorca\/\">\n\t\t<\/span>\n\t\t\t\t<span class=\"hide\" itemprop=\"image\" itemscope itemtype=\"http:\/\/schema.org\/ImageObject\">\n\t\t\t<meta itemprop=\"url\" content=\"https:\/\/www.psib-psoe.org\/mallorca\/wp-content\/uploads\/CACIM-marc-26.jpeg\">\n\t\t\t<meta itemprop=\"width\" content=\"2560\">\n\t\t\t<meta itemprop=\"height\" content=\"1920\">\n\t\t<\/span>\n\t\t\t\t<meta itemscope itemprop=\"mainEntityOfPage\" itemtype=\"https:\/\/schema.org\/WebPage\" itemid=\"https:\/\/www.psib-psoe.org\/mallorca\/el-psib-psoe-alerta-a-lloseta-de-la-deficient-politica-cultural-del-consell-de-mallorca-a-la-part-forana\/\">\n\t<\/aside>\n\t\t<\/article>\n<\/div>\n<div class=\"small-12 large-4 columns\">\n\t<article itemscope itemtype=\"http:\/\/schema.org\/Article\" class=\"post blog-style7 alt post-31164 type-post status-publish format-standard has-post-thumbnail hentry category-consell-de-mallorca category-federacio-de-mallorca category-federacio-de-mallorca-portada category-portada tag-agrupacio-socialista-dandratx tag-amanda-fernandez tag-antoni-mir tag-ares-fernandez tag-consell-de-mallorca tag-enaitz-inan tag-federacio-socialista-de-mallorca tag-joan-ferrer tag-tolo-aguilar\" role=\"article\">\n\t\t<figure class=\"post-gallery\"><img loading=\"lazy\" decoding=\"async\" width=\"600\" height=\"400\" src=\"https:\/\/www.psib-psoe.org\/mallorca\/wp-content\/uploads\/Andratx-mocio-210324-1-edited-600x400.jpeg\" class=\"attachment-notio-general-x2 size-notio-general-x2 wp-post-image\" alt=\"\" srcset=\"https:\/\/www.psib-psoe.org\/mallorca\/wp-content\/uploads\/Andratx-mocio-210324-1-edited-600x400.jpeg 600w, https:\/\/www.psib-psoe.org\/mallorca\/wp-content\/uploads\/Andratx-mocio-210324-1-edited-300x200.jpeg 300w, https:\/\/www.psib-psoe.org\/mallorca\/wp-content\/uploads\/Andratx-mocio-210324-1-edited-900x600.jpeg 900w, https:\/\/www.psib-psoe.org\/mallorca\/wp-content\/uploads\/Andratx-mocio-210324-1-edited-20x13.jpeg 20w\" sizes=\"(max-width: 600px) 100vw, 600px\" \/><\/figure>\n\t\t<div class=\"blog-top\">\n\t\t\t<header class=\"post-title entry-header\">\n\t\t\t\t<aside class=\"post-meta cf\">\n\t\t27\/03\/2026 \/ <a href=\"https:\/\/www.psib-psoe.org\/mallorca\/category\/consell-de-mallorca\/\" rel=\"category tag\">Consell de Mallorca<\/a>, <a href=\"https:\/\/www.psib-psoe.org\/mallorca\/category\/federacio-de-mallorca\/\" rel=\"category tag\">Federaci\u00f3 de Mallorca<\/a>, <a href=\"https:\/\/www.psib-psoe.org\/mallorca\/category\/federacio-de-mallorca-portada\/\" rel=\"category tag\">Federaci\u00f3 de Mallorca - Portada<\/a>, <a href=\"https:\/\/www.psib-psoe.org\/mallorca\/category\/portada\/\" rel=\"category tag\">Portada<\/a><\/aside>\n\t\t\t\t<h3 itemprop=\"headline\"><a href=\"https:\/\/www.psib-psoe.org\/mallorca\/la-batlessa-dandratx-impedeix-que-el-ple-municipal-debati-la-mocio-de-reprovacio-dels-dos-regidors-de-lequip-de-govern-per-ordenar-la-destruccio-del-llaut-historic-margarita-ii\/\" title=\"La batlessa d\u2019Andratx impedeix que el ple municipal debati la moci\u00f3 de reprovaci\u00f3 dels dos regidors de l\u2019equip de govern per ordenar la destrucci\u00f3 del lla\u00fct hist\u00f2ric Margarita II.\">La batlessa d\u2019Andratx impedeix que el ple municipal debati la moci\u00f3 de reprovaci\u00f3 dels dos regidors de l\u2019equip de govern per ordenar la destrucci\u00f3 del lla\u00fct hist\u00f2ric Margarita II.<\/a><\/h3>\n\t\t\t<\/header>\n\t\t<\/div>\n\t\t<div class=\"post-content\">\n\t\t\t<a href=\"https:\/\/www.psib-psoe.org\/mallorca\/la-batlessa-dandratx-impedeix-que-el-ple-municipal-debati-la-mocio-de-reprovacio-dels-dos-regidors-de-lequip-de-govern-per-ordenar-la-destruccio-del-llaut-historic-margarita-ii\/\" class=\"more-link\">Read More<\/a>\n\t\t<\/div>\n\t\t\t<aside class=\"post-bottom-meta hide\">\n\t\t<strong rel=\"author\" itemprop=\"author\" class=\"author vcard\"><span class=\"fn\">Albert<\/span><\/strong>\n\t\t<time class=\"date published time\" datetime=\"2026-03-27T10:39:28+02:00\" itemprop=\"datePublished\" content=\"2026-03-27T10:39:28+02:00\">1 mes ago<\/time>\n\t\t<meta itemprop=\"dateModified\" class=\"date updated\" content=\"2026-03-27T10:39:40+02:00\">\n\t\t<span class=\"hide\" itemprop=\"publisher\" itemscope itemtype=\"https:\/\/schema.org\/Organization\">\n\t\t\t<meta itemprop=\"name\" content=\"SocialistesdMca\">\n\t\t\t<span itemprop=\"logo\" itemscope itemtype=\"https:\/\/schema.org\/ImageObject\">\n\t\t\t\t<meta itemprop=\"url\" content=\"https:\/\/www.psib-psoe.org\/mallorca\/wp-content\/themes\/notio-wp\/assets\/img\/logo.png\">\n\t\t\t<\/span>\n\t\t\t<meta itemprop=\"url\" content=\"https:\/\/www.psib-psoe.org\/mallorca\/\">\n\t\t<\/span>\n\t\t\t\t<span class=\"hide\" itemprop=\"image\" itemscope itemtype=\"http:\/\/schema.org\/ImageObject\">\n\t\t\t<meta itemprop=\"url\" content=\"https:\/\/www.psib-psoe.org\/mallorca\/wp-content\/uploads\/Andratx-mocio-210324-1-edited.jpeg\">\n\t\t\t<meta itemprop=\"width\" content=\"1536\">\n\t\t\t<meta itemprop=\"height\" content=\"1536\">\n\t\t<\/span>\n\t\t\t\t<meta itemscope itemprop=\"mainEntityOfPage\" itemtype=\"https:\/\/schema.org\/WebPage\" itemid=\"https:\/\/www.psib-psoe.org\/mallorca\/la-batlessa-dandratx-impedeix-que-el-ple-municipal-debati-la-mocio-de-reprovacio-dels-dos-regidors-de-lequip-de-govern-per-ordenar-la-destruccio-del-llaut-historic-margarita-ii\/\">\n\t<\/aside>\n\t\t<\/article>\n<\/div>\n<div class=\"small-12 large-4 columns\">\n\t<article itemscope itemtype=\"http:\/\/schema.org\/Article\" class=\"post blog-style7 alt post-31161 type-post status-publish format-standard has-post-thumbnail hentry category-federacio-de-mallorca category-federacio-de-mallorca-portada category-municipis category-portada tag-agrupacio-socialista-de-llucmajor tag-amanda-fernandez tag-elsa-herranz tag-federacio-socialista-de-mallorca tag-jaume-j-oliver-2\" role=\"article\">\n\t\t<figure class=\"post-gallery\"><img loading=\"lazy\" decoding=\"async\" width=\"600\" height=\"400\" src=\"https:\/\/www.psib-psoe.org\/mallorca\/wp-content\/uploads\/ple-Llucmajor-030725-2-600x400.jpeg\" class=\"attachment-notio-general-x2 size-notio-general-x2 wp-post-image\" alt=\"\" srcset=\"https:\/\/www.psib-psoe.org\/mallorca\/wp-content\/uploads\/ple-Llucmajor-030725-2-600x400.jpeg 600w, https:\/\/www.psib-psoe.org\/mallorca\/wp-content\/uploads\/ple-Llucmajor-030725-2-300x200.jpeg 300w, https:\/\/www.psib-psoe.org\/mallorca\/wp-content\/uploads\/ple-Llucmajor-030725-2-900x600.jpeg 900w, https:\/\/www.psib-psoe.org\/mallorca\/wp-content\/uploads\/ple-Llucmajor-030725-2-20x13.jpeg 20w\" sizes=\"(max-width: 600px) 100vw, 600px\" \/><\/figure>\n\t\t<div class=\"blog-top\">\n\t\t\t<header class=\"post-title entry-header\">\n\t\t\t\t<aside class=\"post-meta cf\">\n\t\t26\/03\/2026 \/ <a href=\"https:\/\/www.psib-psoe.org\/mallorca\/category\/federacio-de-mallorca\/\" rel=\"category tag\">Federaci\u00f3 de Mallorca<\/a>, <a href=\"https:\/\/www.psib-psoe.org\/mallorca\/category\/federacio-de-mallorca-portada\/\" rel=\"category tag\">Federaci\u00f3 de Mallorca - Portada<\/a>, <a href=\"https:\/\/www.psib-psoe.org\/mallorca\/category\/municipis\/\" rel=\"category tag\">Municipis<\/a>, <a href=\"https:\/\/www.psib-psoe.org\/mallorca\/category\/portada\/\" rel=\"category tag\">Portada<\/a><\/aside>\n\t\t\t\t<h3 itemprop=\"headline\"><a href=\"https:\/\/www.psib-psoe.org\/mallorca\/lajuntament-de-llucmajor-deixa-de-gastar-14-milions-del-pressupost-de-2025-per-la-negligencia-de-la-batlessa\/\" title=\"L\u2019Ajuntament de Llucmajor deixa de gastar 14 milions del pressupost de 2025 per \u201cla neglig\u00e8ncia de la batlessa\u201d.\">L\u2019Ajuntament de Llucmajor deixa de gastar 14 milions del pressupost de 2025 per \u201cla neglig\u00e8ncia de la batlessa\u201d.<\/a><\/h3>\n\t\t\t<\/header>\n\t\t<\/div>\n\t\t<div class=\"post-content\">\n\t\t\t<a href=\"https:\/\/www.psib-psoe.org\/mallorca\/lajuntament-de-llucmajor-deixa-de-gastar-14-milions-del-pressupost-de-2025-per-la-negligencia-de-la-batlessa\/\" class=\"more-link\">Read More<\/a>\n\t\t<\/div>\n\t\t\t<aside class=\"post-bottom-meta hide\">\n\t\t<strong rel=\"author\" itemprop=\"author\" class=\"author vcard\"><span class=\"fn\">Albert<\/span><\/strong>\n\t\t<time class=\"date published time\" datetime=\"2026-03-26T20:56:07+02:00\" itemprop=\"datePublished\" content=\"2026-03-26T20:56:07+02:00\">1 mes ago<\/time>\n\t\t<meta itemprop=\"dateModified\" class=\"date updated\" content=\"2026-03-26T20:56:21+02:00\">\n\t\t<span class=\"hide\" itemprop=\"publisher\" itemscope itemtype=\"https:\/\/schema.org\/Organization\">\n\t\t\t<meta itemprop=\"name\" content=\"SocialistesdMca\">\n\t\t\t<span itemprop=\"logo\" itemscope itemtype=\"https:\/\/schema.org\/ImageObject\">\n\t\t\t\t<meta itemprop=\"url\" content=\"https:\/\/www.psib-psoe.org\/mallorca\/wp-content\/themes\/notio-wp\/assets\/img\/logo.png\">\n\t\t\t<\/span>\n\t\t\t<meta itemprop=\"url\" content=\"https:\/\/www.psib-psoe.org\/mallorca\/\">\n\t\t<\/span>\n\t\t\t\t<span class=\"hide\" itemprop=\"image\" itemscope itemtype=\"http:\/\/schema.org\/ImageObject\">\n\t\t\t<meta itemprop=\"url\" content=\"https:\/\/www.psib-psoe.org\/mallorca\/wp-content\/uploads\/ple-Llucmajor-030725-2.jpeg\">\n\t\t\t<meta itemprop=\"width\" content=\"1600\">\n\t\t\t<meta itemprop=\"height\" content=\"1200\">\n\t\t<\/span>\n\t\t\t\t<meta itemscope itemprop=\"mainEntityOfPage\" itemtype=\"https:\/\/schema.org\/WebPage\" itemid=\"https:\/\/www.psib-psoe.org\/mallorca\/lajuntament-de-llucmajor-deixa-de-gastar-14-milions-del-pressupost-de-2025-per-la-negligencia-de-la-batlessa\/\">\n\t<\/aside>\n\t\t<\/article>\n<\/div>\n<div class=\"small-12 large-4 columns\">\n\t<article itemscope itemtype=\"http:\/\/schema.org\/Article\" class=\"post blog-style7 alt post-31156 type-post status-publish format-standard has-post-thumbnail hentry category-federacio-de-mallorca category-federacio-de-mallorca-portada category-municipis category-portada tag-algaida tag-amanda-fernandez tag-ares-fernandez tag-marga-fullana tag-margalida-fullana tag-psib-psoe\" role=\"article\">\n\t\t<figure class=\"post-gallery\"><img loading=\"lazy\" decoding=\"async\" width=\"600\" height=\"400\" src=\"https:\/\/www.psib-psoe.org\/mallorca\/wp-content\/uploads\/Pressupost-20262-600x400.jpeg\" class=\"attachment-notio-general-x2 size-notio-general-x2 wp-post-image\" alt=\"\" srcset=\"https:\/\/www.psib-psoe.org\/mallorca\/wp-content\/uploads\/Pressupost-20262-600x400.jpeg 600w, https:\/\/www.psib-psoe.org\/mallorca\/wp-content\/uploads\/Pressupost-20262-300x200.jpeg 300w, https:\/\/www.psib-psoe.org\/mallorca\/wp-content\/uploads\/Pressupost-20262-900x600.jpeg 900w, https:\/\/www.psib-psoe.org\/mallorca\/wp-content\/uploads\/Pressupost-20262-20x13.jpeg 20w\" sizes=\"(max-width: 600px) 100vw, 600px\" \/><\/figure>\n\t\t<div class=\"blog-top\">\n\t\t\t<header class=\"post-title entry-header\">\n\t\t\t\t<aside class=\"post-meta cf\">\n\t\t25\/03\/2026 \/ <a href=\"https:\/\/www.psib-psoe.org\/mallorca\/category\/federacio-de-mallorca\/\" rel=\"category tag\">Federaci\u00f3 de Mallorca<\/a>, <a href=\"https:\/\/www.psib-psoe.org\/mallorca\/category\/federacio-de-mallorca-portada\/\" rel=\"category tag\">Federaci\u00f3 de Mallorca - Portada<\/a>, <a href=\"https:\/\/www.psib-psoe.org\/mallorca\/category\/municipis\/\" rel=\"category tag\">Municipis<\/a>, <a href=\"https:\/\/www.psib-psoe.org\/mallorca\/category\/portada\/\" rel=\"category tag\">Portada<\/a><\/aside>\n\t\t\t\t<h3 itemprop=\"headline\"><a href=\"https:\/\/www.psib-psoe.org\/mallorca\/lagrupacio-socialista-dalgaida-pina-i-randa-celebra-laprovacio-del-pressupost-municipal-de-2026-fet-amb-consens-responsabilitat-i-compromis-amb-el-poble\/\" title=\"L\u2019Agrupaci\u00f3 Socialista d\u2019Algaida, Pina i Randa celebra l\u2019aprovaci\u00f3 del Pressupost municipal de 2026, fet amb \u201cconsens, responsabilitat i comprom\u00eds amb el poble\u201d.\">L\u2019Agrupaci\u00f3 Socialista d\u2019Algaida, Pina i Randa celebra l\u2019aprovaci\u00f3 del Pressupost municipal de 2026, fet amb \u201cconsens, responsabilitat i comprom\u00eds amb el poble\u201d.<\/a><\/h3>\n\t\t\t<\/header>\n\t\t<\/div>\n\t\t<div class=\"post-content\">\n\t\t\t<a href=\"https:\/\/www.psib-psoe.org\/mallorca\/lagrupacio-socialista-dalgaida-pina-i-randa-celebra-laprovacio-del-pressupost-municipal-de-2026-fet-amb-consens-responsabilitat-i-compromis-amb-el-poble\/\" class=\"more-link\">Read More<\/a>\n\t\t<\/div>\n\t\t\t<aside class=\"post-bottom-meta hide\">\n\t\t<strong rel=\"author\" itemprop=\"author\" class=\"author vcard\"><span class=\"fn\">Albert<\/span><\/strong>\n\t\t<time class=\"date published time\" datetime=\"2026-03-25T01:44:11+02:00\" itemprop=\"datePublished\" content=\"2026-03-25T01:44:11+02:00\">1 mes ago<\/time>\n\t\t<meta itemprop=\"dateModified\" class=\"date updated\" content=\"2026-03-25T12:00:06+02:00\">\n\t\t<span class=\"hide\" itemprop=\"publisher\" itemscope itemtype=\"https:\/\/schema.org\/Organization\">\n\t\t\t<meta itemprop=\"name\" content=\"SocialistesdMca\">\n\t\t\t<span itemprop=\"logo\" itemscope itemtype=\"https:\/\/schema.org\/ImageObject\">\n\t\t\t\t<meta itemprop=\"url\" content=\"https:\/\/www.psib-psoe.org\/mallorca\/wp-content\/themes\/notio-wp\/assets\/img\/logo.png\">\n\t\t\t<\/span>\n\t\t\t<meta itemprop=\"url\" content=\"https:\/\/www.psib-psoe.org\/mallorca\/\">\n\t\t<\/span>\n\t\t\t\t<span class=\"hide\" itemprop=\"image\" itemscope itemtype=\"http:\/\/schema.org\/ImageObject\">\n\t\t\t<meta itemprop=\"url\" content=\"https:\/\/www.psib-psoe.org\/mallorca\/wp-content\/uploads\/Pressupost-20262.jpeg\">\n\t\t\t<meta itemprop=\"width\" content=\"1290\">\n\t\t\t<meta itemprop=\"height\" content=\"945\">\n\t\t<\/span>\n\t\t\t\t<meta itemscope itemprop=\"mainEntityOfPage\" itemtype=\"https:\/\/schema.org\/WebPage\" itemid=\"https:\/\/www.psib-psoe.org\/mallorca\/lagrupacio-socialista-dalgaida-pina-i-randa-celebra-laprovacio-del-pressupost-municipal-de-2026-fet-amb-consens-responsabilitat-i-compromis-amb-el-poble\/\">\n\t<\/aside>\n\t\t<\/article>\n<\/div>\n<div class=\"small-12 large-4 columns\">\n\t<article itemscope itemtype=\"http:\/\/schema.org\/Article\" class=\"post blog-style7 alt post-31151 type-post status-publish format-standard has-post-thumbnail hentry category-federacio-de-mallorca category-federacio-de-mallorca-portada category-municipis category-portada tag-agrupacio-socialista-dalcudia tag-agui-lobo tag-amanda-fernandez tag-barbara-rebassa tag-federacio-socialista-de-mallorca tag-joan-gaspar-vallori tag-omar-lamin tag-sofia-alonso\" role=\"article\">\n\t\t<figure class=\"post-gallery\"><img loading=\"lazy\" decoding=\"async\" width=\"600\" height=\"400\" src=\"https:\/\/www.psib-psoe.org\/mallorca\/wp-content\/uploads\/Alcudia-residencia-1-600x400.jpeg\" class=\"attachment-notio-general-x2 size-notio-general-x2 wp-post-image\" alt=\"\" srcset=\"https:\/\/www.psib-psoe.org\/mallorca\/wp-content\/uploads\/Alcudia-residencia-1-600x400.jpeg 600w, https:\/\/www.psib-psoe.org\/mallorca\/wp-content\/uploads\/Alcudia-residencia-1-300x200.jpeg 300w, https:\/\/www.psib-psoe.org\/mallorca\/wp-content\/uploads\/Alcudia-residencia-1-900x600.jpeg 900w, https:\/\/www.psib-psoe.org\/mallorca\/wp-content\/uploads\/Alcudia-residencia-1-20x13.jpeg 20w\" sizes=\"(max-width: 600px) 100vw, 600px\" \/><\/figure>\n\t\t<div class=\"blog-top\">\n\t\t\t<header class=\"post-title entry-header\">\n\t\t\t\t<aside class=\"post-meta cf\">\n\t\t24\/03\/2026 \/ <a href=\"https:\/\/www.psib-psoe.org\/mallorca\/category\/federacio-de-mallorca\/\" rel=\"category tag\">Federaci\u00f3 de Mallorca<\/a>, <a href=\"https:\/\/www.psib-psoe.org\/mallorca\/category\/federacio-de-mallorca-portada\/\" rel=\"category tag\">Federaci\u00f3 de Mallorca - Portada<\/a>, <a href=\"https:\/\/www.psib-psoe.org\/mallorca\/category\/municipis\/\" rel=\"category tag\">Municipis<\/a>, <a href=\"https:\/\/www.psib-psoe.org\/mallorca\/category\/portada\/\" rel=\"category tag\">Portada<\/a><\/aside>\n\t\t\t\t<h3 itemprop=\"headline\"><a href=\"https:\/\/www.psib-psoe.org\/mallorca\/la-reforma-de-lantiga-residencia-de-gent-gran-dalcudia-oblidada-per-batlia-sense-projecte-garanties-ni-transparencia\/\" title=\"La reforma de l\u2019Antiga Resid\u00e8ncia de gent gran d\u2019Alc\u00fadia oblidada per batlia: sense projecte, garanties ni transpar\u00e8ncia.\">La reforma de l\u2019Antiga Resid\u00e8ncia de gent gran d\u2019Alc\u00fadia oblidada per batlia: sense projecte, garanties ni transpar\u00e8ncia.<\/a><\/h3>\n\t\t\t<\/header>\n\t\t<\/div>\n\t\t<div class=\"post-content\">\n\t\t\t<a href=\"https:\/\/www.psib-psoe.org\/mallorca\/la-reforma-de-lantiga-residencia-de-gent-gran-dalcudia-oblidada-per-batlia-sense-projecte-garanties-ni-transparencia\/\" class=\"more-link\">Read More<\/a>\n\t\t<\/div>\n\t\t\t<aside class=\"post-bottom-meta hide\">\n\t\t<strong rel=\"author\" itemprop=\"author\" class=\"author vcard\"><span class=\"fn\">Albert<\/span><\/strong>\n\t\t<time class=\"date published time\" datetime=\"2026-03-24T14:00:29+02:00\" itemprop=\"datePublished\" content=\"2026-03-24T14:00:29+02:00\">1 mes ago<\/time>\n\t\t<meta itemprop=\"dateModified\" class=\"date updated\" content=\"2026-03-24T14:00:40+02:00\">\n\t\t<span class=\"hide\" itemprop=\"publisher\" itemscope itemtype=\"https:\/\/schema.org\/Organization\">\n\t\t\t<meta itemprop=\"name\" content=\"SocialistesdMca\">\n\t\t\t<span itemprop=\"logo\" itemscope itemtype=\"https:\/\/schema.org\/ImageObject\">\n\t\t\t\t<meta itemprop=\"url\" content=\"https:\/\/www.psib-psoe.org\/mallorca\/wp-content\/themes\/notio-wp\/assets\/img\/logo.png\">\n\t\t\t<\/span>\n\t\t\t<meta itemprop=\"url\" content=\"https:\/\/www.psib-psoe.org\/mallorca\/\">\n\t\t<\/span>\n\t\t\t\t<span class=\"hide\" itemprop=\"image\" itemscope itemtype=\"http:\/\/schema.org\/ImageObject\">\n\t\t\t<meta itemprop=\"url\" content=\"https:\/\/www.psib-psoe.org\/mallorca\/wp-content\/uploads\/Alcudia-residencia-1-scaled.jpeg\">\n\t\t\t<meta itemprop=\"width\" content=\"2560\">\n\t\t\t<meta itemprop=\"height\" content=\"1920\">\n\t\t<\/span>\n\t\t\t\t<meta itemscope itemprop=\"mainEntityOfPage\" itemtype=\"https:\/\/schema.org\/WebPage\" itemid=\"https:\/\/www.psib-psoe.org\/mallorca\/la-reforma-de-lantiga-residencia-de-gent-gran-dalcudia-oblidada-per-batlia-sense-projecte-garanties-ni-transparencia\/\">\n\t<\/aside>\n\t\t<\/article>\n<\/div>\n<div class=\"small-12 large-4 columns\">\n\t<article itemscope itemtype=\"http:\/\/schema.org\/Article\" class=\"post blog-style7 alt post-31148 type-post status-publish format-standard has-post-thumbnail hentry category-consell-de-mallorca category-federacio-de-mallorca category-federacio-de-mallorca-portada category-municipis category-portada tag-alaro tag-amanda-fernandez tag-andreu-vidal tag-federacio-socialista-de-mallorca tag-mallorca tag-omar-lamin tag-psib-psoe tag-tolo-aguilar\" role=\"article\">\n\t\t<figure class=\"post-gallery\"><img loading=\"lazy\" decoding=\"async\" width=\"600\" height=\"400\" src=\"https:\/\/www.psib-psoe.org\/mallorca\/wp-content\/uploads\/ALARO-ANDREU-VIDAL-2-1024x683-1-600x400.jpg\" class=\"attachment-notio-general-x2 size-notio-general-x2 wp-post-image\" alt=\"\" srcset=\"https:\/\/www.psib-psoe.org\/mallorca\/wp-content\/uploads\/ALARO-ANDREU-VIDAL-2-1024x683-1-600x400.jpg 600w, https:\/\/www.psib-psoe.org\/mallorca\/wp-content\/uploads\/ALARO-ANDREU-VIDAL-2-1024x683-1-300x200.jpg 300w, https:\/\/www.psib-psoe.org\/mallorca\/wp-content\/uploads\/ALARO-ANDREU-VIDAL-2-1024x683-1-768x512.jpg 768w, https:\/\/www.psib-psoe.org\/mallorca\/wp-content\/uploads\/ALARO-ANDREU-VIDAL-2-1024x683-1-150x100.jpg 150w, https:\/\/www.psib-psoe.org\/mallorca\/wp-content\/uploads\/ALARO-ANDREU-VIDAL-2-1024x683-1-900x600.jpg 900w, https:\/\/www.psib-psoe.org\/mallorca\/wp-content\/uploads\/ALARO-ANDREU-VIDAL-2-1024x683-1-20x13.jpg 20w, https:\/\/www.psib-psoe.org\/mallorca\/wp-content\/uploads\/ALARO-ANDREU-VIDAL-2-1024x683-1.jpg 1024w\" sizes=\"(max-width: 600px) 100vw, 600px\" \/><\/figure>\n\t\t<div class=\"blog-top\">\n\t\t\t<header class=\"post-title entry-header\">\n\t\t\t\t<aside class=\"post-meta cf\">\n\t\t24\/03\/2026 \/ <a href=\"https:\/\/www.psib-psoe.org\/mallorca\/category\/consell-de-mallorca\/\" rel=\"category tag\">Consell de Mallorca<\/a>, <a href=\"https:\/\/www.psib-psoe.org\/mallorca\/category\/federacio-de-mallorca\/\" rel=\"category tag\">Federaci\u00f3 de Mallorca<\/a>, <a href=\"https:\/\/www.psib-psoe.org\/mallorca\/category\/federacio-de-mallorca-portada\/\" rel=\"category tag\">Federaci\u00f3 de Mallorca - Portada<\/a>, <a href=\"https:\/\/www.psib-psoe.org\/mallorca\/category\/municipis\/\" rel=\"category tag\">Municipis<\/a>, <a href=\"https:\/\/www.psib-psoe.org\/mallorca\/category\/portada\/\" rel=\"category tag\">Portada<\/a><\/aside>\n\t\t\t\t<h3 itemprop=\"headline\"><a href=\"https:\/\/www.psib-psoe.org\/mallorca\/el-psoe-dalaro-impulsa-una-ordenanca-municipal-de-memoria-democratica-i-denuncia-el-retroces-en-drets-impulsat-per-pp-i-vox\/\" title=\"El PSOE d&#8217;Alar\u00f3 impulsa una ordenan\u00e7a municipal de mem\u00f2ria democr\u00e0tica i denuncia el retroc\u00e9s en drets impulsat per PP i VOX.\">El PSOE d&#8217;Alar\u00f3 impulsa una ordenan\u00e7a municipal de mem\u00f2ria democr\u00e0tica i denuncia el retroc\u00e9s en drets impulsat per PP i VOX.<\/a><\/h3>\n\t\t\t<\/header>\n\t\t<\/div>\n\t\t<div class=\"post-content\">\n\t\t\t<a href=\"https:\/\/www.psib-psoe.org\/mallorca\/el-psoe-dalaro-impulsa-una-ordenanca-municipal-de-memoria-democratica-i-denuncia-el-retroces-en-drets-impulsat-per-pp-i-vox\/\" class=\"more-link\">Read More<\/a>\n\t\t<\/div>\n\t\t\t<aside class=\"post-bottom-meta hide\">\n\t\t<strong rel=\"author\" itemprop=\"author\" class=\"author vcard\"><span class=\"fn\">Albert<\/span><\/strong>\n\t\t<time class=\"date published time\" datetime=\"2026-03-24T12:01:18+02:00\" itemprop=\"datePublished\" content=\"2026-03-24T12:01:18+02:00\">1 mes ago<\/time>\n\t\t<meta itemprop=\"dateModified\" class=\"date updated\" content=\"2026-03-24T12:01:30+02:00\">\n\t\t<span class=\"hide\" itemprop=\"publisher\" itemscope itemtype=\"https:\/\/schema.org\/Organization\">\n\t\t\t<meta itemprop=\"name\" content=\"SocialistesdMca\">\n\t\t\t<span itemprop=\"logo\" itemscope itemtype=\"https:\/\/schema.org\/ImageObject\">\n\t\t\t\t<meta itemprop=\"url\" content=\"https:\/\/www.psib-psoe.org\/mallorca\/wp-content\/themes\/notio-wp\/assets\/img\/logo.png\">\n\t\t\t<\/span>\n\t\t\t<meta itemprop=\"url\" content=\"https:\/\/www.psib-psoe.org\/mallorca\/\">\n\t\t<\/span>\n\t\t\t\t<span class=\"hide\" itemprop=\"image\" itemscope itemtype=\"http:\/\/schema.org\/ImageObject\">\n\t\t\t<meta itemprop=\"url\" content=\"https:\/\/www.psib-psoe.org\/mallorca\/wp-content\/uploads\/ALARO-ANDREU-VIDAL-2-1024x683-1.jpg\">\n\t\t\t<meta itemprop=\"width\" content=\"1024\">\n\t\t\t<meta itemprop=\"height\" content=\"683\">\n\t\t<\/span>\n\t\t\t\t<meta itemscope itemprop=\"mainEntityOfPage\" itemtype=\"https:\/\/schema.org\/WebPage\" itemid=\"https:\/\/www.psib-psoe.org\/mallorca\/el-psoe-dalaro-impulsa-una-ordenanca-municipal-de-memoria-democratica-i-denuncia-el-retroces-en-drets-impulsat-per-pp-i-vox\/\">\n\t<\/aside>\n\t\t<\/article>\n<\/div>\n<div class=\"small-12 large-4 columns\">\n\t<article itemscope itemtype=\"http:\/\/schema.org\/Article\" class=\"post blog-style7 alt post-31144 type-post status-publish format-standard has-post-thumbnail hentry category-federacio-de-mallorca category-federacio-de-mallorca-portada category-portada tag-amanda-fernandez tag-ares-fernandez tag-estellencs tag-federacio-socialista-de-mallorca tag-guillem-ensenyat tag-joan-mendez-2 tag-marc-vich tag-xisco-dalmau\" role=\"article\">\n\t\t<figure class=\"post-gallery\"><img loading=\"lazy\" decoding=\"async\" width=\"600\" height=\"400\" src=\"https:\/\/www.psib-psoe.org\/mallorca\/wp-content\/uploads\/Nova-agrupacio-600x400.jpeg\" class=\"attachment-notio-general-x2 size-notio-general-x2 wp-post-image\" alt=\"\" srcset=\"https:\/\/www.psib-psoe.org\/mallorca\/wp-content\/uploads\/Nova-agrupacio-600x400.jpeg 600w, https:\/\/www.psib-psoe.org\/mallorca\/wp-content\/uploads\/Nova-agrupacio-300x200.jpeg 300w, https:\/\/www.psib-psoe.org\/mallorca\/wp-content\/uploads\/Nova-agrupacio-900x600.jpeg 900w, https:\/\/www.psib-psoe.org\/mallorca\/wp-content\/uploads\/Nova-agrupacio-20x13.jpeg 20w\" sizes=\"(max-width: 600px) 100vw, 600px\" \/><\/figure>\n\t\t<div class=\"blog-top\">\n\t\t\t<header class=\"post-title entry-header\">\n\t\t\t\t<aside class=\"post-meta cf\">\n\t\t21\/03\/2026 \/ <a href=\"https:\/\/www.psib-psoe.org\/mallorca\/category\/federacio-de-mallorca\/\" rel=\"category tag\">Federaci\u00f3 de Mallorca<\/a>, <a href=\"https:\/\/www.psib-psoe.org\/mallorca\/category\/federacio-de-mallorca-portada\/\" rel=\"category tag\">Federaci\u00f3 de Mallorca - Portada<\/a>, <a href=\"https:\/\/www.psib-psoe.org\/mallorca\/category\/portada\/\" rel=\"category tag\">Portada<\/a><\/aside>\n\t\t\t\t<h3 itemprop=\"headline\"><a href=\"https:\/\/www.psib-psoe.org\/mallorca\/lagrupacio-socialista-destellencs-es-constitueix-i-presenta-nova-executiva\/\" title=\"L\u2019Agrupaci\u00f3 Socialista d\u2019Estellencs es constitueix i presenta nova executiva.\">L\u2019Agrupaci\u00f3 Socialista d\u2019Estellencs es constitueix i presenta nova executiva.<\/a><\/h3>\n\t\t\t<\/header>\n\t\t<\/div>\n\t\t<div class=\"post-content\">\n\t\t\t<a href=\"https:\/\/www.psib-psoe.org\/mallorca\/lagrupacio-socialista-destellencs-es-constitueix-i-presenta-nova-executiva\/\" class=\"more-link\">Read More<\/a>\n\t\t<\/div>\n\t\t\t<aside class=\"post-bottom-meta hide\">\n\t\t<strong rel=\"author\" itemprop=\"author\" class=\"author vcard\"><span class=\"fn\">Albert<\/span><\/strong>\n\t\t<time class=\"date published time\" datetime=\"2026-03-21T13:17:32+02:00\" itemprop=\"datePublished\" content=\"2026-03-21T13:17:32+02:00\">1 mes ago<\/time>\n\t\t<meta itemprop=\"dateModified\" class=\"date updated\" content=\"2026-03-21T13:17:45+02:00\">\n\t\t<span class=\"hide\" itemprop=\"publisher\" itemscope itemtype=\"https:\/\/schema.org\/Organization\">\n\t\t\t<meta itemprop=\"name\" content=\"SocialistesdMca\">\n\t\t\t<span itemprop=\"logo\" itemscope itemtype=\"https:\/\/schema.org\/ImageObject\">\n\t\t\t\t<meta itemprop=\"url\" content=\"https:\/\/www.psib-psoe.org\/mallorca\/wp-content\/themes\/notio-wp\/assets\/img\/logo.png\">\n\t\t\t<\/span>\n\t\t\t<meta itemprop=\"url\" content=\"https:\/\/www.psib-psoe.org\/mallorca\/\">\n\t\t<\/span>\n\t\t\t\t<span class=\"hide\" itemprop=\"image\" itemscope itemtype=\"http:\/\/schema.org\/ImageObject\">\n\t\t\t<meta itemprop=\"url\" content=\"https:\/\/www.psib-psoe.org\/mallorca\/wp-content\/uploads\/Nova-agrupacio.jpeg\">\n\t\t\t<meta itemprop=\"width\" content=\"1530\">\n\t\t\t<meta itemprop=\"height\" content=\"2040\">\n\t\t<\/span>\n\t\t\t\t<meta itemscope itemprop=\"mainEntityOfPage\" itemtype=\"https:\/\/schema.org\/WebPage\" itemid=\"https:\/\/www.psib-psoe.org\/mallorca\/lagrupacio-socialista-destellencs-es-constitueix-i-presenta-nova-executiva\/\">\n\t<\/aside>\n\t\t<\/article>\n<\/div>\n<div class=\"small-12 large-4 columns\">\n\t<article itemscope itemtype=\"http:\/\/schema.org\/Article\" class=\"post blog-style7 alt post-31141 type-post status-publish format-standard has-post-thumbnail hentry category-federacio-de-mallorca category-federacio-de-mallorca-portada category-municipis category-portada tag-agrupacio-socialista-de-soller tag-amanda-fernandez tag-andreu-serra tag-ares-fernandez tag-bea-gamundi tag-biel-alomar tag-catalina-cladera tag-consell-de-mallorca tag-federacio-socialista-de-mallorca tag-jaume-mateu tag-joan-ferrer tag-joan-mendez-2 tag-joana-maria-adrover tag-omar-lamin tag-sofia-alonso\" role=\"article\">\n\t\t<figure class=\"post-gallery\"><img loading=\"lazy\" decoding=\"async\" width=\"600\" height=\"400\" src=\"https:\/\/www.psib-psoe.org\/mallorca\/wp-content\/uploads\/Mirador-Barques-cameres-600x400.jpeg\" class=\"attachment-notio-general-x2 size-notio-general-x2 wp-post-image\" alt=\"\" srcset=\"https:\/\/www.psib-psoe.org\/mallorca\/wp-content\/uploads\/Mirador-Barques-cameres-600x400.jpeg 600w, https:\/\/www.psib-psoe.org\/mallorca\/wp-content\/uploads\/Mirador-Barques-cameres-300x200.jpeg 300w, https:\/\/www.psib-psoe.org\/mallorca\/wp-content\/uploads\/Mirador-Barques-cameres-900x600.jpeg 900w, https:\/\/www.psib-psoe.org\/mallorca\/wp-content\/uploads\/Mirador-Barques-cameres-20x13.jpeg 20w\" sizes=\"(max-width: 600px) 100vw, 600px\" \/><\/figure>\n\t\t<div class=\"blog-top\">\n\t\t\t<header class=\"post-title entry-header\">\n\t\t\t\t<aside class=\"post-meta cf\">\n\t\t20\/03\/2026 \/ <a href=\"https:\/\/www.psib-psoe.org\/mallorca\/category\/federacio-de-mallorca\/\" rel=\"category tag\">Federaci\u00f3 de Mallorca<\/a>, <a href=\"https:\/\/www.psib-psoe.org\/mallorca\/category\/federacio-de-mallorca-portada\/\" rel=\"category tag\">Federaci\u00f3 de Mallorca - Portada<\/a>, <a href=\"https:\/\/www.psib-psoe.org\/mallorca\/category\/municipis\/\" rel=\"category tag\">Municipis<\/a>, <a href=\"https:\/\/www.psib-psoe.org\/mallorca\/category\/portada\/\" rel=\"category tag\">Portada<\/a><\/aside>\n\t\t\t\t<h3 itemprop=\"headline\"><a href=\"https:\/\/www.psib-psoe.org\/mallorca\/el-grup-socialista-denuncia-tres-anys-dincompliments-del-consell-amb-les-cameres-de-vigilancia-a-la-xarxa-viaria-de-mallorca\/\" title=\"El Grup Socialista denuncia tres anys d\u2019incompliments del Consell amb les c\u00e0meres de vigil\u00e0ncia a la xarxa vi\u00e0ria de Mallorca.\">El Grup Socialista denuncia tres anys d\u2019incompliments del Consell amb les c\u00e0meres de vigil\u00e0ncia a la xarxa vi\u00e0ria de Mallorca.<\/a><\/h3>\n\t\t\t<\/header>\n\t\t<\/div>\n\t\t<div class=\"post-content\">\n\t\t\t<a href=\"https:\/\/www.psib-psoe.org\/mallorca\/el-grup-socialista-denuncia-tres-anys-dincompliments-del-consell-amb-les-cameres-de-vigilancia-a-la-xarxa-viaria-de-mallorca\/\" class=\"more-link\">Read More<\/a>\n\t\t<\/div>\n\t\t\t<aside class=\"post-bottom-meta hide\">\n\t\t<strong rel=\"author\" itemprop=\"author\" class=\"author vcard\"><span class=\"fn\">Albert<\/span><\/strong>\n\t\t<time class=\"date published time\" datetime=\"2026-03-20T15:30:03+02:00\" itemprop=\"datePublished\" content=\"2026-03-20T15:30:03+02:00\">1 mes ago<\/time>\n\t\t<meta itemprop=\"dateModified\" class=\"date updated\" content=\"2026-03-20T15:30:14+02:00\">\n\t\t<span class=\"hide\" itemprop=\"publisher\" itemscope itemtype=\"https:\/\/schema.org\/Organization\">\n\t\t\t<meta itemprop=\"name\" content=\"SocialistesdMca\">\n\t\t\t<span itemprop=\"logo\" itemscope itemtype=\"https:\/\/schema.org\/ImageObject\">\n\t\t\t\t<meta itemprop=\"url\" content=\"https:\/\/www.psib-psoe.org\/mallorca\/wp-content\/themes\/notio-wp\/assets\/img\/logo.png\">\n\t\t\t<\/span>\n\t\t\t<meta itemprop=\"url\" content=\"https:\/\/www.psib-psoe.org\/mallorca\/\">\n\t\t<\/span>\n\t\t\t\t<span class=\"hide\" itemprop=\"image\" itemscope itemtype=\"http:\/\/schema.org\/ImageObject\">\n\t\t\t<meta itemprop=\"url\" content=\"https:\/\/www.psib-psoe.org\/mallorca\/wp-content\/uploads\/Mirador-Barques-cameres.jpeg\">\n\t\t\t<meta itemprop=\"width\" content=\"1600\">\n\t\t\t<meta itemprop=\"height\" content=\"1200\">\n\t\t<\/span>\n\t\t\t\t<meta itemscope itemprop=\"mainEntityOfPage\" itemtype=\"https:\/\/schema.org\/WebPage\" itemid=\"https:\/\/www.psib-psoe.org\/mallorca\/el-grup-socialista-denuncia-tres-anys-dincompliments-del-consell-amb-les-cameres-de-vigilancia-a-la-xarxa-viaria-de-mallorca\/\">\n\t<\/aside>\n\t\t<\/article>\n<\/div>\n<div class=\"small-12 large-4 columns\">\n\t<article itemscope itemtype=\"http:\/\/schema.org\/Article\" class=\"post blog-style7 alt post-31138 type-post status-publish format-standard has-post-thumbnail hentry category-federacio-de-mallorca category-federacio-de-mallorca-portada category-municipis category-portada tag-agrupacio-socialista-de-llucmajor tag-amanda-fernandez tag-elsa-herranz tag-federacio-socialista-de-mallorca tag-jaume-j-oliver-2\" role=\"article\">\n\t\t<figure class=\"post-gallery\"><img loading=\"lazy\" decoding=\"async\" width=\"600\" height=\"400\" src=\"https:\/\/www.psib-psoe.org\/mallorca\/wp-content\/uploads\/ple-Llucmajor-030725-2-600x400.jpeg\" class=\"attachment-notio-general-x2 size-notio-general-x2 wp-post-image\" alt=\"\" srcset=\"https:\/\/www.psib-psoe.org\/mallorca\/wp-content\/uploads\/ple-Llucmajor-030725-2-600x400.jpeg 600w, https:\/\/www.psib-psoe.org\/mallorca\/wp-content\/uploads\/ple-Llucmajor-030725-2-300x200.jpeg 300w, https:\/\/www.psib-psoe.org\/mallorca\/wp-content\/uploads\/ple-Llucmajor-030725-2-900x600.jpeg 900w, https:\/\/www.psib-psoe.org\/mallorca\/wp-content\/uploads\/ple-Llucmajor-030725-2-20x13.jpeg 20w\" sizes=\"(max-width: 600px) 100vw, 600px\" \/><\/figure>\n\t\t<div class=\"blog-top\">\n\t\t\t<header class=\"post-title entry-header\">\n\t\t\t\t<aside class=\"post-meta cf\">\n\t\t19\/03\/2026 \/ <a href=\"https:\/\/www.psib-psoe.org\/mallorca\/category\/federacio-de-mallorca\/\" rel=\"category tag\">Federaci\u00f3 de Mallorca<\/a>, <a href=\"https:\/\/www.psib-psoe.org\/mallorca\/category\/federacio-de-mallorca-portada\/\" rel=\"category tag\">Federaci\u00f3 de Mallorca - Portada<\/a>, <a href=\"https:\/\/www.psib-psoe.org\/mallorca\/category\/municipis\/\" rel=\"category tag\">Municipis<\/a>, <a href=\"https:\/\/www.psib-psoe.org\/mallorca\/category\/portada\/\" rel=\"category tag\">Portada<\/a><\/aside>\n\t\t\t\t<h3 itemprop=\"headline\"><a href=\"https:\/\/www.psib-psoe.org\/mallorca\/els-socialistes-de-llucmajor-denuncien-lopacitat-i-la-improvisacio-del-pp-en-la-tramitacio-expres-de-la-nova-contracta-municipal-de-fems-amb-un-cost-de-53-milions-deuros\/\" title=\"Els Socialistes de Llucmajor denuncien l\u2019opacitat i la improvisaci\u00f3 del PP en la tramitaci\u00f3 expr\u00e9s de la nova contracta municipal de fems amb un cost de 53 milions d\u2019euros.\">Els Socialistes de Llucmajor denuncien l\u2019opacitat i la improvisaci\u00f3 del PP en la tramitaci\u00f3 expr\u00e9s de la nova contracta municipal de fems amb un cost de 53 milions d\u2019euros.<\/a><\/h3>\n\t\t\t<\/header>\n\t\t<\/div>\n\t\t<div class=\"post-content\">\n\t\t\t<a href=\"https:\/\/www.psib-psoe.org\/mallorca\/els-socialistes-de-llucmajor-denuncien-lopacitat-i-la-improvisacio-del-pp-en-la-tramitacio-expres-de-la-nova-contracta-municipal-de-fems-amb-un-cost-de-53-milions-deuros\/\" class=\"more-link\">Read More<\/a>\n\t\t<\/div>\n\t\t\t<aside class=\"post-bottom-meta hide\">\n\t\t<strong rel=\"author\" itemprop=\"author\" class=\"author vcard\"><span class=\"fn\">Albert<\/span><\/strong>\n\t\t<time class=\"date published time\" datetime=\"2026-03-19T19:11:47+02:00\" itemprop=\"datePublished\" content=\"2026-03-19T19:11:47+02:00\">1 mes ago<\/time>\n\t\t<meta itemprop=\"dateModified\" class=\"date updated\" content=\"2026-03-19T19:12:00+02:00\">\n\t\t<span class=\"hide\" itemprop=\"publisher\" itemscope itemtype=\"https:\/\/schema.org\/Organization\">\n\t\t\t<meta itemprop=\"name\" content=\"SocialistesdMca\">\n\t\t\t<span itemprop=\"logo\" itemscope itemtype=\"https:\/\/schema.org\/ImageObject\">\n\t\t\t\t<meta itemprop=\"url\" content=\"https:\/\/www.psib-psoe.org\/mallorca\/wp-content\/themes\/notio-wp\/assets\/img\/logo.png\">\n\t\t\t<\/span>\n\t\t\t<meta itemprop=\"url\" content=\"https:\/\/www.psib-psoe.org\/mallorca\/\">\n\t\t<\/span>\n\t\t\t\t<span class=\"hide\" itemprop=\"image\" itemscope itemtype=\"http:\/\/schema.org\/ImageObject\">\n\t\t\t<meta itemprop=\"url\" content=\"https:\/\/www.psib-psoe.org\/mallorca\/wp-content\/uploads\/ple-Llucmajor-030725-2.jpeg\">\n\t\t\t<meta itemprop=\"width\" content=\"1600\">\n\t\t\t<meta itemprop=\"height\" content=\"1200\">\n\t\t<\/span>\n\t\t\t\t<meta itemscope itemprop=\"mainEntityOfPage\" itemtype=\"https:\/\/schema.org\/WebPage\" itemid=\"https:\/\/www.psib-psoe.org\/mallorca\/els-socialistes-de-llucmajor-denuncien-lopacitat-i-la-improvisacio-del-pp-en-la-tramitacio-expres-de-la-nova-contracta-municipal-de-fems-amb-un-cost-de-53-milions-deuros\/\">\n\t<\/aside>\n\t\t<\/article>\n<\/div>\n<div class=\"small-12 large-4 columns\">\n\t<article itemscope itemtype=\"http:\/\/schema.org\/Article\" class=\"post blog-style7 alt post-31134 type-post status-publish format-standard has-post-thumbnail hentry category-federacio-de-mallorca category-federacio-de-mallorca-portada category-municipis category-portada tag-amanda-fernandez tag-andreu-serra tag-ares-fernandez tag-bea-gamundi tag-biel-alomar tag-catalina-cladera tag-consell-de-mallorca tag-federacio-socialista-de-mallorca tag-jaume-mateu tag-joan-ferrer tag-joan-mendez-2 tag-joana-maria-adrover tag-omar-lamin tag-sofia-alonso\" role=\"article\">\n\t\t<figure class=\"post-gallery\"><img loading=\"lazy\" decoding=\"async\" width=\"600\" height=\"400\" src=\"https:\/\/www.psib-psoe.org\/mallorca\/wp-content\/uploads\/Sofia-Joan-rdp-bis-3-600x400.jpeg\" class=\"attachment-notio-general-x2 size-notio-general-x2 wp-post-image\" alt=\"\" srcset=\"https:\/\/www.psib-psoe.org\/mallorca\/wp-content\/uploads\/Sofia-Joan-rdp-bis-3-600x400.jpeg 600w, https:\/\/www.psib-psoe.org\/mallorca\/wp-content\/uploads\/Sofia-Joan-rdp-bis-3-300x200.jpeg 300w, https:\/\/www.psib-psoe.org\/mallorca\/wp-content\/uploads\/Sofia-Joan-rdp-bis-3-900x600.jpeg 900w, https:\/\/www.psib-psoe.org\/mallorca\/wp-content\/uploads\/Sofia-Joan-rdp-bis-3-20x13.jpeg 20w\" sizes=\"(max-width: 600px) 100vw, 600px\" \/><\/figure>\n\t\t<div class=\"blog-top\">\n\t\t\t<header class=\"post-title entry-header\">\n\t\t\t\t<aside class=\"post-meta cf\">\n\t\t19\/03\/2026 \/ <a href=\"https:\/\/www.psib-psoe.org\/mallorca\/category\/federacio-de-mallorca\/\" rel=\"category tag\">Federaci\u00f3 de Mallorca<\/a>, <a href=\"https:\/\/www.psib-psoe.org\/mallorca\/category\/federacio-de-mallorca-portada\/\" rel=\"category tag\">Federaci\u00f3 de Mallorca - Portada<\/a>, <a href=\"https:\/\/www.psib-psoe.org\/mallorca\/category\/municipis\/\" rel=\"category tag\">Municipis<\/a>, <a href=\"https:\/\/www.psib-psoe.org\/mallorca\/category\/portada\/\" rel=\"category tag\">Portada<\/a><\/aside>\n\t\t\t\t<h3 itemprop=\"headline\"><a href=\"https:\/\/www.psib-psoe.org\/mallorca\/el-psib-psoe-acusa-limas-i-el-consell-de-mallorca-dabandonar-joves-ex-tutelats-i-condemnar-los-a-viure-al-carrer\/\" title=\"El PSIB-PSOE acusa l\u2019IMAS i el Consell de Mallorca d\u2019abandonar joves ex-tutelats i condemnar-los a viure al carrer.\">El PSIB-PSOE acusa l\u2019IMAS i el Consell de Mallorca d\u2019abandonar joves ex-tutelats i condemnar-los a viure al carrer.<\/a><\/h3>\n\t\t\t<\/header>\n\t\t<\/div>\n\t\t<div class=\"post-content\">\n\t\t\t<a href=\"https:\/\/www.psib-psoe.org\/mallorca\/el-psib-psoe-acusa-limas-i-el-consell-de-mallorca-dabandonar-joves-ex-tutelats-i-condemnar-los-a-viure-al-carrer\/\" class=\"more-link\">Read More<\/a>\n\t\t<\/div>\n\t\t\t<aside class=\"post-bottom-meta hide\">\n\t\t<strong rel=\"author\" itemprop=\"author\" class=\"author vcard\"><span class=\"fn\">Albert<\/span><\/strong>\n\t\t<time class=\"date published time\" datetime=\"2026-03-19T12:49:55+02:00\" itemprop=\"datePublished\" content=\"2026-03-19T12:49:55+02:00\">1 mes ago<\/time>\n\t\t<meta itemprop=\"dateModified\" class=\"date updated\" content=\"2026-03-19T12:50:07+02:00\">\n\t\t<span class=\"hide\" itemprop=\"publisher\" itemscope itemtype=\"https:\/\/schema.org\/Organization\">\n\t\t\t<meta itemprop=\"name\" content=\"SocialistesdMca\">\n\t\t\t<span itemprop=\"logo\" itemscope itemtype=\"https:\/\/schema.org\/ImageObject\">\n\t\t\t\t<meta itemprop=\"url\" content=\"https:\/\/www.psib-psoe.org\/mallorca\/wp-content\/themes\/notio-wp\/assets\/img\/logo.png\">\n\t\t\t<\/span>\n\t\t\t<meta itemprop=\"url\" content=\"https:\/\/www.psib-psoe.org\/mallorca\/\">\n\t\t<\/span>\n\t\t\t\t<span class=\"hide\" itemprop=\"image\" itemscope itemtype=\"http:\/\/schema.org\/ImageObject\">\n\t\t\t<meta itemprop=\"url\" content=\"https:\/\/www.psib-psoe.org\/mallorca\/wp-content\/uploads\/Sofia-Joan-rdp-bis-3-scaled.jpeg\">\n\t\t\t<meta itemprop=\"width\" content=\"2266\">\n\t\t\t<meta itemprop=\"height\" content=\"2560\">\n\t\t<\/span>\n\t\t\t\t<meta itemscope itemprop=\"mainEntityOfPage\" itemtype=\"https:\/\/schema.org\/WebPage\" itemid=\"https:\/\/www.psib-psoe.org\/mallorca\/el-psib-psoe-acusa-limas-i-el-consell-de-mallorca-dabandonar-joves-ex-tutelats-i-condemnar-los-a-viure-al-carrer\/\">\n\t<\/aside>\n\t\t<\/article>\n<\/div>\n<div class=\"small-12 large-4 columns\">\n\t<article itemscope itemtype=\"http:\/\/schema.org\/Article\" class=\"post blog-style7 alt post-31130 type-post status-publish format-standard has-post-thumbnail hentry category-consell-de-mallorca category-federacio-de-mallorca category-federacio-de-mallorca-portada category-municipis category-portada tag-alaro tag-amanda-fernandez tag-andreu-vidal tag-federacio-socialista-de-mallorca tag-mallorca tag-omar-lamin tag-psib-psoe tag-sofia-alonso tag-tolo-aguilar\" role=\"article\">\n\t\t<figure class=\"post-gallery\"><img loading=\"lazy\" decoding=\"async\" width=\"600\" height=\"400\" src=\"https:\/\/www.psib-psoe.org\/mallorca\/wp-content\/uploads\/Centre-de-dia-tancat-600x400.jpeg\" class=\"attachment-notio-general-x2 size-notio-general-x2 wp-post-image\" alt=\"\" srcset=\"https:\/\/www.psib-psoe.org\/mallorca\/wp-content\/uploads\/Centre-de-dia-tancat-600x400.jpeg 600w, https:\/\/www.psib-psoe.org\/mallorca\/wp-content\/uploads\/Centre-de-dia-tancat-300x200.jpeg 300w, https:\/\/www.psib-psoe.org\/mallorca\/wp-content\/uploads\/Centre-de-dia-tancat-900x600.jpeg 900w, https:\/\/www.psib-psoe.org\/mallorca\/wp-content\/uploads\/Centre-de-dia-tancat-20x13.jpeg 20w\" sizes=\"(max-width: 600px) 100vw, 600px\" \/><\/figure>\n\t\t<div class=\"blog-top\">\n\t\t\t<header class=\"post-title entry-header\">\n\t\t\t\t<aside class=\"post-meta cf\">\n\t\t19\/03\/2026 \/ <a href=\"https:\/\/www.psib-psoe.org\/mallorca\/category\/consell-de-mallorca\/\" rel=\"category tag\">Consell de Mallorca<\/a>, <a href=\"https:\/\/www.psib-psoe.org\/mallorca\/category\/federacio-de-mallorca\/\" rel=\"category tag\">Federaci\u00f3 de Mallorca<\/a>, <a href=\"https:\/\/www.psib-psoe.org\/mallorca\/category\/federacio-de-mallorca-portada\/\" rel=\"category tag\">Federaci\u00f3 de Mallorca - Portada<\/a>, <a href=\"https:\/\/www.psib-psoe.org\/mallorca\/category\/municipis\/\" rel=\"category tag\">Municipis<\/a>, <a href=\"https:\/\/www.psib-psoe.org\/mallorca\/category\/portada\/\" rel=\"category tag\">Portada<\/a><\/aside>\n\t\t\t\t<h3 itemprop=\"headline\"><a href=\"https:\/\/www.psib-psoe.org\/mallorca\/els-socialistes-exigeixen-lobertura-immediata-del-centre-de-dia-de-gent-gran-a-alaro\/\" title=\"Els Socialistes exigeixen l\u2019obertura immediata del centre de dia de gent gran a Alar\u00f3\">Els Socialistes exigeixen l\u2019obertura immediata del centre de dia de gent gran a Alar\u00f3<\/a><\/h3>\n\t\t\t<\/header>\n\t\t<\/div>\n\t\t<div class=\"post-content\">\n\t\t\t<a href=\"https:\/\/www.psib-psoe.org\/mallorca\/els-socialistes-exigeixen-lobertura-immediata-del-centre-de-dia-de-gent-gran-a-alaro\/\" class=\"more-link\">Read More<\/a>\n\t\t<\/div>\n\t\t\t<aside class=\"post-bottom-meta hide\">\n\t\t<strong rel=\"author\" itemprop=\"author\" class=\"author vcard\"><span class=\"fn\">Albert<\/span><\/strong>\n\t\t<time class=\"date published time\" datetime=\"2026-03-19T12:40:38+02:00\" itemprop=\"datePublished\" content=\"2026-03-19T12:40:38+02:00\">1 mes ago<\/time>\n\t\t<meta itemprop=\"dateModified\" class=\"date updated\" content=\"2026-03-19T12:40:50+02:00\">\n\t\t<span class=\"hide\" itemprop=\"publisher\" itemscope itemtype=\"https:\/\/schema.org\/Organization\">\n\t\t\t<meta itemprop=\"name\" content=\"SocialistesdMca\">\n\t\t\t<span itemprop=\"logo\" itemscope itemtype=\"https:\/\/schema.org\/ImageObject\">\n\t\t\t\t<meta itemprop=\"url\" content=\"https:\/\/www.psib-psoe.org\/mallorca\/wp-content\/themes\/notio-wp\/assets\/img\/logo.png\">\n\t\t\t<\/span>\n\t\t\t<meta itemprop=\"url\" content=\"https:\/\/www.psib-psoe.org\/mallorca\/\">\n\t\t<\/span>\n\t\t\t\t<span class=\"hide\" itemprop=\"image\" itemscope itemtype=\"http:\/\/schema.org\/ImageObject\">\n\t\t\t<meta itemprop=\"url\" content=\"https:\/\/www.psib-psoe.org\/mallorca\/wp-content\/uploads\/Centre-de-dia-tancat.jpeg\">\n\t\t\t<meta itemprop=\"width\" content=\"1600\">\n\t\t\t<meta itemprop=\"height\" content=\"1200\">\n\t\t<\/span>\n\t\t\t\t<meta itemscope itemprop=\"mainEntityOfPage\" itemtype=\"https:\/\/schema.org\/WebPage\" itemid=\"https:\/\/www.psib-psoe.org\/mallorca\/els-socialistes-exigeixen-lobertura-immediata-del-centre-de-dia-de-gent-gran-a-alaro\/\">\n\t<\/aside>\n\t\t<\/article>\n<\/div>\n<div class=\"small-12 large-4 columns\">\n\t<article itemscope itemtype=\"http:\/\/schema.org\/Article\" class=\"post blog-style7 alt post-31124 type-post status-publish format-standard has-post-thumbnail hentry category-federacio-de-mallorca category-federacio-de-mallorca-portada category-municipis category-portada tag-amanda-fernandez tag-andreu-serra tag-ares-fernandez tag-bea-gamundi tag-biel-alomar tag-catalina-cladera tag-consell-de-mallorca tag-federacio-socialista-de-mallorca tag-jaume-mateu tag-joan-ferrer tag-joan-mendez-2 tag-joana-maria-adrover tag-sofia-alonso\" role=\"article\">\n\t\t<figure class=\"post-gallery\"><img loading=\"lazy\" decoding=\"async\" width=\"600\" height=\"400\" src=\"https:\/\/www.psib-psoe.org\/mallorca\/wp-content\/uploads\/Escut-social-Pere-Garau-edited-600x400.jpeg\" class=\"attachment-notio-general-x2 size-notio-general-x2 wp-post-image\" alt=\"\" srcset=\"https:\/\/www.psib-psoe.org\/mallorca\/wp-content\/uploads\/Escut-social-Pere-Garau-edited-600x400.jpeg 600w, https:\/\/www.psib-psoe.org\/mallorca\/wp-content\/uploads\/Escut-social-Pere-Garau-edited-300x200.jpeg 300w, https:\/\/www.psib-psoe.org\/mallorca\/wp-content\/uploads\/Escut-social-Pere-Garau-edited-900x600.jpeg 900w, https:\/\/www.psib-psoe.org\/mallorca\/wp-content\/uploads\/Escut-social-Pere-Garau-edited-20x13.jpeg 20w\" sizes=\"(max-width: 600px) 100vw, 600px\" \/><\/figure>\n\t\t<div class=\"blog-top\">\n\t\t\t<header class=\"post-title entry-header\">\n\t\t\t\t<aside class=\"post-meta cf\">\n\t\t18\/03\/2026 \/ <a href=\"https:\/\/www.psib-psoe.org\/mallorca\/category\/federacio-de-mallorca\/\" rel=\"category tag\">Federaci\u00f3 de Mallorca<\/a>, <a href=\"https:\/\/www.psib-psoe.org\/mallorca\/category\/federacio-de-mallorca-portada\/\" rel=\"category tag\">Federaci\u00f3 de Mallorca - Portada<\/a>, <a href=\"https:\/\/www.psib-psoe.org\/mallorca\/category\/municipis\/\" rel=\"category tag\">Municipis<\/a>, <a href=\"https:\/\/www.psib-psoe.org\/mallorca\/category\/portada\/\" rel=\"category tag\">Portada<\/a><\/aside>\n\t\t\t\t<h3 itemprop=\"headline\"><a href=\"https:\/\/www.psib-psoe.org\/mallorca\/els-socialistes-exigeixen-a-galmes-un-escut-social-urgent-per-protegir-les-families-els-joves-els-majors-i-els-sectors-productius-davant-lescalada-de-preus\/\" title=\"Els Socialistes exigeixen a Galm\u00e9s un escut social urgent per protegir les fam\u00edlies, els joves, els majors i els sectors productius davant l\u2019escalada de preus.\">Els Socialistes exigeixen a Galm\u00e9s un escut social urgent per protegir les fam\u00edlies, els joves, els majors i els sectors productius davant l\u2019escalada de preus.<\/a><\/h3>\n\t\t\t<\/header>\n\t\t<\/div>\n\t\t<div class=\"post-content\">\n\t\t\t<a href=\"https:\/\/www.psib-psoe.org\/mallorca\/els-socialistes-exigeixen-a-galmes-un-escut-social-urgent-per-protegir-les-families-els-joves-els-majors-i-els-sectors-productius-davant-lescalada-de-preus\/\" class=\"more-link\">Read More<\/a>\n\t\t<\/div>\n\t\t\t<aside class=\"post-bottom-meta hide\">\n\t\t<strong rel=\"author\" itemprop=\"author\" class=\"author vcard\"><span class=\"fn\">Albert<\/span><\/strong>\n\t\t<time class=\"date published time\" datetime=\"2026-03-18T13:24:30+02:00\" itemprop=\"datePublished\" content=\"2026-03-18T13:24:30+02:00\">2 mesos ago<\/time>\n\t\t<meta itemprop=\"dateModified\" class=\"date updated\" content=\"2026-03-18T13:24:42+02:00\">\n\t\t<span class=\"hide\" itemprop=\"publisher\" itemscope itemtype=\"https:\/\/schema.org\/Organization\">\n\t\t\t<meta itemprop=\"name\" content=\"SocialistesdMca\">\n\t\t\t<span itemprop=\"logo\" itemscope itemtype=\"https:\/\/schema.org\/ImageObject\">\n\t\t\t\t<meta itemprop=\"url\" content=\"https:\/\/www.psib-psoe.org\/mallorca\/wp-content\/themes\/notio-wp\/assets\/img\/logo.png\">\n\t\t\t<\/span>\n\t\t\t<meta itemprop=\"url\" content=\"https:\/\/www.psib-psoe.org\/mallorca\/\">\n\t\t<\/span>\n\t\t\t\t<span class=\"hide\" itemprop=\"image\" itemscope itemtype=\"http:\/\/schema.org\/ImageObject\">\n\t\t\t<meta itemprop=\"url\" content=\"https:\/\/www.psib-psoe.org\/mallorca\/wp-content\/uploads\/Escut-social-Pere-Garau-edited.jpeg\">\n\t\t\t<meta itemprop=\"width\" content=\"1600\">\n\t\t\t<meta itemprop=\"height\" content=\"900\">\n\t\t<\/span>\n\t\t\t\t<meta itemscope itemprop=\"mainEntityOfPage\" itemtype=\"https:\/\/schema.org\/WebPage\" itemid=\"https:\/\/www.psib-psoe.org\/mallorca\/els-socialistes-exigeixen-a-galmes-un-escut-social-urgent-per-protegir-les-families-els-joves-els-majors-i-els-sectors-productius-davant-lescalada-de-preus\/\">\n\t<\/aside>\n\t\t<\/article>\n<\/div>\n<div class=\"small-12 large-4 columns\">\n\t<article itemscope itemtype=\"http:\/\/schema.org\/Article\" class=\"post blog-style7 alt post-31121 type-post status-publish format-standard has-post-thumbnail hentry category-federacio-de-mallorca category-federacio-de-mallorca-portada category-portada tag-amanda-fernandez tag-ares-fernandez tag-calvia-2 tag-federacio-socialista-de-mallorca tag-psib-psoe tag-rosario-sanchez-2\" role=\"article\">\n\t\t<figure class=\"post-gallery\"><img loading=\"lazy\" decoding=\"async\" width=\"600\" height=\"400\" src=\"https:\/\/www.psib-psoe.org\/mallorca\/wp-content\/uploads\/170326_Assemblea-Calvia-600x400.jpeg\" class=\"attachment-notio-general-x2 size-notio-general-x2 wp-post-image\" alt=\"\" srcset=\"https:\/\/www.psib-psoe.org\/mallorca\/wp-content\/uploads\/170326_Assemblea-Calvia-600x400.jpeg 600w, https:\/\/www.psib-psoe.org\/mallorca\/wp-content\/uploads\/170326_Assemblea-Calvia-300x200.jpeg 300w, https:\/\/www.psib-psoe.org\/mallorca\/wp-content\/uploads\/170326_Assemblea-Calvia-900x600.jpeg 900w, https:\/\/www.psib-psoe.org\/mallorca\/wp-content\/uploads\/170326_Assemblea-Calvia-20x13.jpeg 20w\" sizes=\"(max-width: 600px) 100vw, 600px\" \/><\/figure>\n\t\t<div class=\"blog-top\">\n\t\t\t<header class=\"post-title entry-header\">\n\t\t\t\t<aside class=\"post-meta cf\">\n\t\t17\/03\/2026 \/ <a href=\"https:\/\/www.psib-psoe.org\/mallorca\/category\/federacio-de-mallorca\/\" rel=\"category tag\">Federaci\u00f3 de Mallorca<\/a>, <a href=\"https:\/\/www.psib-psoe.org\/mallorca\/category\/federacio-de-mallorca-portada\/\" rel=\"category tag\">Federaci\u00f3 de Mallorca - Portada<\/a>, <a href=\"https:\/\/www.psib-psoe.org\/mallorca\/category\/portada\/\" rel=\"category tag\">Portada<\/a><\/aside>\n\t\t\t\t<h3 itemprop=\"headline\"><a href=\"https:\/\/www.psib-psoe.org\/mallorca\/el-psib-psoe-defensa-habitatge-dignitat-laboral-i-serveis-publics-per-recuperar-calvia\/\" title=\"El PSIB-PSOE defensa habitatge, dignitat laboral i serveis p\u00fablics per recuperar Calvi\u00e0\">El PSIB-PSOE defensa habitatge, dignitat laboral i serveis p\u00fablics per recuperar Calvi\u00e0<\/a><\/h3>\n\t\t\t<\/header>\n\t\t<\/div>\n\t\t<div class=\"post-content\">\n\t\t\t<a href=\"https:\/\/www.psib-psoe.org\/mallorca\/el-psib-psoe-defensa-habitatge-dignitat-laboral-i-serveis-publics-per-recuperar-calvia\/\" class=\"more-link\">Read More<\/a>\n\t\t<\/div>\n\t\t\t<aside class=\"post-bottom-meta hide\">\n\t\t<strong rel=\"author\" itemprop=\"author\" class=\"author vcard\"><span class=\"fn\">Marc<\/span><\/strong>\n\t\t<time class=\"date published time\" datetime=\"2026-03-17T16:51:34+02:00\" itemprop=\"datePublished\" content=\"2026-03-17T16:51:34+02:00\">2 mesos ago<\/time>\n\t\t<meta itemprop=\"dateModified\" class=\"date updated\" content=\"2026-03-17T16:51:46+02:00\">\n\t\t<span class=\"hide\" itemprop=\"publisher\" itemscope itemtype=\"https:\/\/schema.org\/Organization\">\n\t\t\t<meta itemprop=\"name\" content=\"SocialistesdMca\">\n\t\t\t<span itemprop=\"logo\" itemscope itemtype=\"https:\/\/schema.org\/ImageObject\">\n\t\t\t\t<meta itemprop=\"url\" content=\"https:\/\/www.psib-psoe.org\/mallorca\/wp-content\/themes\/notio-wp\/assets\/img\/logo.png\">\n\t\t\t<\/span>\n\t\t\t<meta itemprop=\"url\" content=\"https:\/\/www.psib-psoe.org\/mallorca\/\">\n\t\t<\/span>\n\t\t\t\t<span class=\"hide\" itemprop=\"image\" itemscope itemtype=\"http:\/\/schema.org\/ImageObject\">\n\t\t\t<meta itemprop=\"url\" content=\"https:\/\/www.psib-psoe.org\/mallorca\/wp-content\/uploads\/170326_Assemblea-Calvia-scaled.jpeg\">\n\t\t\t<meta itemprop=\"width\" content=\"2560\">\n\t\t\t<meta itemprop=\"height\" content=\"1920\">\n\t\t<\/span>\n\t\t\t\t<meta itemscope itemprop=\"mainEntityOfPage\" itemtype=\"https:\/\/schema.org\/WebPage\" itemid=\"https:\/\/www.psib-psoe.org\/mallorca\/el-psib-psoe-defensa-habitatge-dignitat-laboral-i-serveis-publics-per-recuperar-calvia\/\">\n\t<\/aside>\n\t\t<\/article>\n<\/div>\n<div class=\"small-12 large-4 columns\">\n\t<article itemscope itemtype=\"http:\/\/schema.org\/Article\" class=\"post blog-style7 alt post-31117 type-post status-publish format-standard has-post-thumbnail hentry category-consell-de-mallorca category-federacio-de-mallorca category-federacio-de-mallorca-portada category-portada tag-agrupacio-socialista-dandratx tag-amanda-fernandez tag-antoni-mir tag-ares-fernandez tag-consell-de-mallorca tag-enaitz-inan tag-federacio-socialista-de-mallorca tag-joan-ferrer tag-tolo-aguilar\" role=\"article\">\n\t\t<figure class=\"post-gallery\"><img loading=\"lazy\" decoding=\"async\" width=\"600\" height=\"400\" src=\"https:\/\/www.psib-psoe.org\/mallorca\/wp-content\/uploads\/Enaitz2-600x400.jpeg\" class=\"attachment-notio-general-x2 size-notio-general-x2 wp-post-image\" alt=\"\" srcset=\"https:\/\/www.psib-psoe.org\/mallorca\/wp-content\/uploads\/Enaitz2-600x400.jpeg 600w, https:\/\/www.psib-psoe.org\/mallorca\/wp-content\/uploads\/Enaitz2-300x200.jpeg 300w, https:\/\/www.psib-psoe.org\/mallorca\/wp-content\/uploads\/Enaitz2-900x600.jpeg 900w, https:\/\/www.psib-psoe.org\/mallorca\/wp-content\/uploads\/Enaitz2-20x13.jpeg 20w\" sizes=\"(max-width: 600px) 100vw, 600px\" \/><\/figure>\n\t\t<div class=\"blog-top\">\n\t\t\t<header class=\"post-title entry-header\">\n\t\t\t\t<aside class=\"post-meta cf\">\n\t\t17\/03\/2026 \/ <a href=\"https:\/\/www.psib-psoe.org\/mallorca\/category\/consell-de-mallorca\/\" rel=\"category tag\">Consell de Mallorca<\/a>, <a href=\"https:\/\/www.psib-psoe.org\/mallorca\/category\/federacio-de-mallorca\/\" rel=\"category tag\">Federaci\u00f3 de Mallorca<\/a>, <a href=\"https:\/\/www.psib-psoe.org\/mallorca\/category\/federacio-de-mallorca-portada\/\" rel=\"category tag\">Federaci\u00f3 de Mallorca - Portada<\/a>, <a href=\"https:\/\/www.psib-psoe.org\/mallorca\/category\/portada\/\" rel=\"category tag\">Portada<\/a><\/aside>\n\t\t\t\t<h3 itemprop=\"headline\"><a href=\"https:\/\/www.psib-psoe.org\/mallorca\/els-socialistes-dandratx-exigeixen-la-destitucio-immediata-dels-regidors-joan-forteza-i-beatriz-casanova-arran-de-la-sancio-ferma-per-la-destruccio-del-llaut-historic-margarita-ii\/\" title=\"Els Socialistes d\u2019Andratx exigeixen la destituci\u00f3 immediata dels regidors Joan Forteza i Beatriz Casanova arran de la sanci\u00f3 ferma per la destrucci\u00f3 del lla\u00fct hist\u00f2ric Margarita II.\">Els Socialistes d\u2019Andratx exigeixen la destituci\u00f3 immediata dels regidors Joan Forteza i Beatriz Casanova arran de la sanci\u00f3 ferma per la destrucci\u00f3 del lla\u00fct hist\u00f2ric Margarita II.<\/a><\/h3>\n\t\t\t<\/header>\n\t\t<\/div>\n\t\t<div class=\"post-content\">\n\t\t\t<a href=\"https:\/\/www.psib-psoe.org\/mallorca\/els-socialistes-dandratx-exigeixen-la-destitucio-immediata-dels-regidors-joan-forteza-i-beatriz-casanova-arran-de-la-sancio-ferma-per-la-destruccio-del-llaut-historic-margarita-ii\/\" class=\"more-link\">Read More<\/a>\n\t\t<\/div>\n\t\t\t<aside class=\"post-bottom-meta hide\">\n\t\t<strong rel=\"author\" itemprop=\"author\" class=\"author vcard\"><span class=\"fn\">Albert<\/span><\/strong>\n\t\t<time class=\"date published time\" datetime=\"2026-03-17T00:44:16+02:00\" itemprop=\"datePublished\" content=\"2026-03-17T00:44:16+02:00\">2 mesos ago<\/time>\n\t\t<meta itemprop=\"dateModified\" class=\"date updated\" content=\"2026-03-17T00:44:29+02:00\">\n\t\t<span class=\"hide\" itemprop=\"publisher\" itemscope itemtype=\"https:\/\/schema.org\/Organization\">\n\t\t\t<meta itemprop=\"name\" content=\"SocialistesdMca\">\n\t\t\t<span itemprop=\"logo\" itemscope itemtype=\"https:\/\/schema.org\/ImageObject\">\n\t\t\t\t<meta itemprop=\"url\" content=\"https:\/\/www.psib-psoe.org\/mallorca\/wp-content\/themes\/notio-wp\/assets\/img\/logo.png\">\n\t\t\t<\/span>\n\t\t\t<meta itemprop=\"url\" content=\"https:\/\/www.psib-psoe.org\/mallorca\/\">\n\t\t<\/span>\n\t\t\t\t<span class=\"hide\" itemprop=\"image\" itemscope itemtype=\"http:\/\/schema.org\/ImageObject\">\n\t\t\t<meta itemprop=\"url\" content=\"https:\/\/www.psib-psoe.org\/mallorca\/wp-content\/uploads\/Enaitz2.jpeg\">\n\t\t\t<meta itemprop=\"width\" content=\"1600\">\n\t\t\t<meta itemprop=\"height\" content=\"1200\">\n\t\t<\/span>\n\t\t\t\t<meta itemscope itemprop=\"mainEntityOfPage\" itemtype=\"https:\/\/schema.org\/WebPage\" itemid=\"https:\/\/www.psib-psoe.org\/mallorca\/els-socialistes-dandratx-exigeixen-la-destitucio-immediata-dels-regidors-joan-forteza-i-beatriz-casanova-arran-de-la-sancio-ferma-per-la-destruccio-del-llaut-historic-margarita-ii\/\">\n\t<\/aside>\n\t\t<\/article>\n<\/div>\n<div class=\"small-12 large-4 columns\">\n\t<article itemscope itemtype=\"http:\/\/schema.org\/Article\" class=\"post blog-style7 alt post-31114 type-post status-publish format-standard has-post-thumbnail hentry category-federacio-de-mallorca category-federacio-de-mallorca-portada category-municipis category-portada tag-agrupacio-socialista-de-llucmajor tag-amanda-fernandez tag-elsa-herranz tag-federacio-socialista-de-mallorca tag-jaume-j-oliver-2\" role=\"article\">\n\t\t<figure class=\"post-gallery\"><img loading=\"lazy\" decoding=\"async\" width=\"600\" height=\"400\" src=\"https:\/\/www.psib-psoe.org\/mallorca\/wp-content\/uploads\/WhatsApp-Image-2026-02-19-at-07.46.49-1-600x400.jpeg\" class=\"attachment-notio-general-x2 size-notio-general-x2 wp-post-image\" alt=\"\" srcset=\"https:\/\/www.psib-psoe.org\/mallorca\/wp-content\/uploads\/WhatsApp-Image-2026-02-19-at-07.46.49-1-600x400.jpeg 600w, https:\/\/www.psib-psoe.org\/mallorca\/wp-content\/uploads\/WhatsApp-Image-2026-02-19-at-07.46.49-1-300x200.jpeg 300w, https:\/\/www.psib-psoe.org\/mallorca\/wp-content\/uploads\/WhatsApp-Image-2026-02-19-at-07.46.49-1-900x600.jpeg 900w, https:\/\/www.psib-psoe.org\/mallorca\/wp-content\/uploads\/WhatsApp-Image-2026-02-19-at-07.46.49-1-20x13.jpeg 20w\" sizes=\"(max-width: 600px) 100vw, 600px\" \/><\/figure>\n\t\t<div class=\"blog-top\">\n\t\t\t<header class=\"post-title entry-header\">\n\t\t\t\t<aside class=\"post-meta cf\">\n\t\t17\/03\/2026 \/ <a href=\"https:\/\/www.psib-psoe.org\/mallorca\/category\/federacio-de-mallorca\/\" rel=\"category tag\">Federaci\u00f3 de Mallorca<\/a>, <a href=\"https:\/\/www.psib-psoe.org\/mallorca\/category\/federacio-de-mallorca-portada\/\" rel=\"category tag\">Federaci\u00f3 de Mallorca - Portada<\/a>, <a href=\"https:\/\/www.psib-psoe.org\/mallorca\/category\/municipis\/\" rel=\"category tag\">Municipis<\/a>, <a href=\"https:\/\/www.psib-psoe.org\/mallorca\/category\/portada\/\" rel=\"category tag\">Portada<\/a><\/aside>\n\t\t\t\t<h3 itemprop=\"headline\"><a href=\"https:\/\/www.psib-psoe.org\/mallorca\/el-grup-municipal-socialista-expressa-el-seu-suport-als-treballadors-publics-de-llucmajor-i-exigeix-el-restabliment-de-la-dignitat-laboral\/\" title=\"El Grup Municipal Socialista expressa el seu suport als treballadors p\u00fablics de Llucmajor i exigeix el restabliment de la dignitat laboral.\">El Grup Municipal Socialista expressa el seu suport als treballadors p\u00fablics de Llucmajor i exigeix el restabliment de la dignitat laboral.<\/a><\/h3>\n\t\t\t<\/header>\n\t\t<\/div>\n\t\t<div class=\"post-content\">\n\t\t\t<a href=\"https:\/\/www.psib-psoe.org\/mallorca\/el-grup-municipal-socialista-expressa-el-seu-suport-als-treballadors-publics-de-llucmajor-i-exigeix-el-restabliment-de-la-dignitat-laboral\/\" class=\"more-link\">Read More<\/a>\n\t\t<\/div>\n\t\t\t<aside class=\"post-bottom-meta hide\">\n\t\t<strong rel=\"author\" itemprop=\"author\" class=\"author vcard\"><span class=\"fn\">Albert<\/span><\/strong>\n\t\t<time class=\"date published time\" datetime=\"2026-03-17T00:38:30+02:00\" itemprop=\"datePublished\" content=\"2026-03-17T00:38:30+02:00\">2 mesos ago<\/time>\n\t\t<meta itemprop=\"dateModified\" class=\"date updated\" content=\"2026-03-17T00:38:42+02:00\">\n\t\t<span class=\"hide\" itemprop=\"publisher\" itemscope itemtype=\"https:\/\/schema.org\/Organization\">\n\t\t\t<meta itemprop=\"name\" content=\"SocialistesdMca\">\n\t\t\t<span itemprop=\"logo\" itemscope itemtype=\"https:\/\/schema.org\/ImageObject\">\n\t\t\t\t<meta itemprop=\"url\" content=\"https:\/\/www.psib-psoe.org\/mallorca\/wp-content\/themes\/notio-wp\/assets\/img\/logo.png\">\n\t\t\t<\/span>\n\t\t\t<meta itemprop=\"url\" content=\"https:\/\/www.psib-psoe.org\/mallorca\/\">\n\t\t<\/span>\n\t\t\t\t<span class=\"hide\" itemprop=\"image\" itemscope itemtype=\"http:\/\/schema.org\/ImageObject\">\n\t\t\t<meta itemprop=\"url\" content=\"https:\/\/www.psib-psoe.org\/mallorca\/wp-content\/uploads\/WhatsApp-Image-2026-02-19-at-07.46.49-1.jpeg\">\n\t\t\t<meta itemprop=\"width\" content=\"1290\">\n\t\t\t<meta itemprop=\"height\" content=\"1608\">\n\t\t<\/span>\n\t\t\t\t<meta itemscope itemprop=\"mainEntityOfPage\" itemtype=\"https:\/\/schema.org\/WebPage\" itemid=\"https:\/\/www.psib-psoe.org\/mallorca\/el-grup-municipal-socialista-expressa-el-seu-suport-als-treballadors-publics-de-llucmajor-i-exigeix-el-restabliment-de-la-dignitat-laboral\/\">\n\t<\/aside>\n\t\t<\/article>\n<\/div>\n<div class=\"small-12 large-4 columns\">\n\t<article itemscope itemtype=\"http:\/\/schema.org\/Article\" class=\"post blog-style7 alt post-31106 type-post status-publish format-standard has-post-thumbnail hentry category-federacio-de-mallorca category-federacio-de-mallorca-portada category-municipis category-portada tag-agrupacio-socialista-sa-pobla tag-amanda-fernandez tag-ares-fernandez tag-catalina-cladera tag-federacio-socialista-de-mallorca tag-psib-psoe tag-sa-pobla tag-xesca-mir\" role=\"article\">\n\t\t<figure class=\"post-gallery\"><img loading=\"lazy\" decoding=\"async\" width=\"600\" height=\"400\" src=\"https:\/\/www.psib-psoe.org\/mallorca\/wp-content\/uploads\/SA-POBLA-XESCA-MIR-600x400.jpg\" class=\"attachment-notio-general-x2 size-notio-general-x2 wp-post-image\" alt=\"\" srcset=\"https:\/\/www.psib-psoe.org\/mallorca\/wp-content\/uploads\/SA-POBLA-XESCA-MIR-600x400.jpg 600w, https:\/\/www.psib-psoe.org\/mallorca\/wp-content\/uploads\/SA-POBLA-XESCA-MIR-300x200.jpg 300w, https:\/\/www.psib-psoe.org\/mallorca\/wp-content\/uploads\/SA-POBLA-XESCA-MIR-768x512.jpg 768w, https:\/\/www.psib-psoe.org\/mallorca\/wp-content\/uploads\/SA-POBLA-XESCA-MIR-1024x683.jpg 1024w, https:\/\/www.psib-psoe.org\/mallorca\/wp-content\/uploads\/SA-POBLA-XESCA-MIR-150x100.jpg 150w, https:\/\/www.psib-psoe.org\/mallorca\/wp-content\/uploads\/SA-POBLA-XESCA-MIR-900x600.jpg 900w, https:\/\/www.psib-psoe.org\/mallorca\/wp-content\/uploads\/SA-POBLA-XESCA-MIR-20x13.jpg 20w\" sizes=\"(max-width: 600px) 100vw, 600px\" \/><\/figure>\n\t\t<div class=\"blog-top\">\n\t\t\t<header class=\"post-title entry-header\">\n\t\t\t\t<aside class=\"post-meta cf\">\n\t\t13\/03\/2026 \/ <a href=\"https:\/\/www.psib-psoe.org\/mallorca\/category\/federacio-de-mallorca\/\" rel=\"category tag\">Federaci\u00f3 de Mallorca<\/a>, <a href=\"https:\/\/www.psib-psoe.org\/mallorca\/category\/federacio-de-mallorca-portada\/\" rel=\"category tag\">Federaci\u00f3 de Mallorca - Portada<\/a>, <a href=\"https:\/\/www.psib-psoe.org\/mallorca\/category\/municipis\/\" rel=\"category tag\">Municipis<\/a>, <a href=\"https:\/\/www.psib-psoe.org\/mallorca\/category\/portada\/\" rel=\"category tag\">Portada<\/a><\/aside>\n\t\t\t\t<h3 itemprop=\"headline\"><a href=\"https:\/\/www.psib-psoe.org\/mallorca\/lagrupacio-socialista-de-sa-pobla-assenyala-al-govern-i-la-gerencia-de-sesplet-com-a-principals-responsables-del-tancament-del-portal-exportador-de-patata-poblera\/\" title=\"L\u2019Agrupaci\u00f3 Socialista de sa Pobla assenyala al Govern i la ger\u00e8ncia de S\u2019Esplet com a principals responsables del tancament del portal exportador de patata poblera.\">L\u2019Agrupaci\u00f3 Socialista de sa Pobla assenyala al Govern i la ger\u00e8ncia de S\u2019Esplet com a principals responsables del tancament del portal exportador de patata poblera.<\/a><\/h3>\n\t\t\t<\/header>\n\t\t<\/div>\n\t\t<div class=\"post-content\">\n\t\t\t<a href=\"https:\/\/www.psib-psoe.org\/mallorca\/lagrupacio-socialista-de-sa-pobla-assenyala-al-govern-i-la-gerencia-de-sesplet-com-a-principals-responsables-del-tancament-del-portal-exportador-de-patata-poblera\/\" class=\"more-link\">Read More<\/a>\n\t\t<\/div>\n\t\t\t<aside class=\"post-bottom-meta hide\">\n\t\t<strong rel=\"author\" itemprop=\"author\" class=\"author vcard\"><span class=\"fn\">Albert<\/span><\/strong>\n\t\t<time class=\"date published time\" datetime=\"2026-03-13T19:46:25+02:00\" itemprop=\"datePublished\" content=\"2026-03-13T19:46:25+02:00\">2 mesos ago<\/time>\n\t\t<meta itemprop=\"dateModified\" class=\"date updated\" content=\"2026-03-13T19:46:38+02:00\">\n\t\t<span class=\"hide\" itemprop=\"publisher\" itemscope itemtype=\"https:\/\/schema.org\/Organization\">\n\t\t\t<meta itemprop=\"name\" content=\"SocialistesdMca\">\n\t\t\t<span itemprop=\"logo\" itemscope itemtype=\"https:\/\/schema.org\/ImageObject\">\n\t\t\t\t<meta itemprop=\"url\" content=\"https:\/\/www.psib-psoe.org\/mallorca\/wp-content\/themes\/notio-wp\/assets\/img\/logo.png\">\n\t\t\t<\/span>\n\t\t\t<meta itemprop=\"url\" content=\"https:\/\/www.psib-psoe.org\/mallorca\/\">\n\t\t<\/span>\n\t\t\t\t<span class=\"hide\" itemprop=\"image\" itemscope itemtype=\"http:\/\/schema.org\/ImageObject\">\n\t\t\t<meta itemprop=\"url\" content=\"https:\/\/www.psib-psoe.org\/mallorca\/wp-content\/uploads\/SA-POBLA-XESCA-MIR.jpg\">\n\t\t\t<meta itemprop=\"width\" content=\"6000\">\n\t\t\t<meta itemprop=\"height\" content=\"4000\">\n\t\t<\/span>\n\t\t\t\t<meta itemscope itemprop=\"mainEntityOfPage\" itemtype=\"https:\/\/schema.org\/WebPage\" itemid=\"https:\/\/www.psib-psoe.org\/mallorca\/lagrupacio-socialista-de-sa-pobla-assenyala-al-govern-i-la-gerencia-de-sesplet-com-a-principals-responsables-del-tancament-del-portal-exportador-de-patata-poblera\/\">\n\t<\/aside>\n\t\t<\/article>\n<\/div>\n<div class=\"small-12 large-4 columns\">\n\t<article itemscope itemtype=\"http:\/\/schema.org\/Article\" class=\"post blog-style7 alt post-31103 type-post status-publish format-standard has-post-thumbnail hentry category-federacio-de-mallorca category-federacio-de-mallorca-portada category-municipis category-portada tag-amanda-fernandez tag-andreu-serra tag-ares-fernandez tag-bea-gamundi tag-biel-alomar tag-catalina-cladera tag-consell-de-mallorca tag-federacio-socialista-de-mallorca tag-jaume-mateu tag-joan-ferrer tag-joan-mendez-2 tag-joana-maria-adrover tag-sofia-alonso\" role=\"article\">\n\t\t<figure class=\"post-gallery\"><img loading=\"lazy\" decoding=\"async\" width=\"600\" height=\"400\" src=\"https:\/\/www.psib-psoe.org\/mallorca\/wp-content\/uploads\/Grup-ple-120326-600x400.jpeg\" class=\"attachment-notio-general-x2 size-notio-general-x2 wp-post-image\" alt=\"\" srcset=\"https:\/\/www.psib-psoe.org\/mallorca\/wp-content\/uploads\/Grup-ple-120326-600x400.jpeg 600w, https:\/\/www.psib-psoe.org\/mallorca\/wp-content\/uploads\/Grup-ple-120326-300x200.jpeg 300w, https:\/\/www.psib-psoe.org\/mallorca\/wp-content\/uploads\/Grup-ple-120326-20x13.jpeg 20w\" sizes=\"(max-width: 600px) 100vw, 600px\" \/><\/figure>\n\t\t<div class=\"blog-top\">\n\t\t\t<header class=\"post-title entry-header\">\n\t\t\t\t<aside class=\"post-meta cf\">\n\t\t12\/03\/2026 \/ <a href=\"https:\/\/www.psib-psoe.org\/mallorca\/category\/federacio-de-mallorca\/\" rel=\"category tag\">Federaci\u00f3 de Mallorca<\/a>, <a href=\"https:\/\/www.psib-psoe.org\/mallorca\/category\/federacio-de-mallorca-portada\/\" rel=\"category tag\">Federaci\u00f3 de Mallorca - Portada<\/a>, <a href=\"https:\/\/www.psib-psoe.org\/mallorca\/category\/municipis\/\" rel=\"category tag\">Municipis<\/a>, <a href=\"https:\/\/www.psib-psoe.org\/mallorca\/category\/portada\/\" rel=\"category tag\">Portada<\/a><\/aside>\n\t\t\t\t<h3 itemprop=\"headline\"><a href=\"https:\/\/www.psib-psoe.org\/mallorca\/el-consell-de-mallorca-no-aporta-els-informes-que-regularan-el-trasllat-dels-fems-deivissa-per-a-ser-incinerats-a-mallorca\/\" title=\"El Consell de Mallorca no aporta els informes que regularan el trasllat dels fems d\u2019Eivissa per a ser incinerats a Mallorca.\">El Consell de Mallorca no aporta els informes que regularan el trasllat dels fems d\u2019Eivissa per a ser incinerats a Mallorca.<\/a><\/h3>\n\t\t\t<\/header>\n\t\t<\/div>\n\t\t<div class=\"post-content\">\n\t\t\t<a href=\"https:\/\/www.psib-psoe.org\/mallorca\/el-consell-de-mallorca-no-aporta-els-informes-que-regularan-el-trasllat-dels-fems-deivissa-per-a-ser-incinerats-a-mallorca\/\" class=\"more-link\">Read More<\/a>\n\t\t<\/div>\n\t\t\t<aside class=\"post-bottom-meta hide\">\n\t\t<strong rel=\"author\" itemprop=\"author\" class=\"author vcard\"><span class=\"fn\">Albert<\/span><\/strong>\n\t\t<time class=\"date published time\" datetime=\"2026-03-12T19:14:40+02:00\" itemprop=\"datePublished\" content=\"2026-03-12T19:14:40+02:00\">2 mesos ago<\/time>\n\t\t<meta itemprop=\"dateModified\" class=\"date updated\" content=\"2026-03-12T19:14:53+02:00\">\n\t\t<span class=\"hide\" itemprop=\"publisher\" itemscope itemtype=\"https:\/\/schema.org\/Organization\">\n\t\t\t<meta itemprop=\"name\" content=\"SocialistesdMca\">\n\t\t\t<span itemprop=\"logo\" itemscope itemtype=\"https:\/\/schema.org\/ImageObject\">\n\t\t\t\t<meta itemprop=\"url\" content=\"https:\/\/www.psib-psoe.org\/mallorca\/wp-content\/themes\/notio-wp\/assets\/img\/logo.png\">\n\t\t\t<\/span>\n\t\t\t<meta itemprop=\"url\" content=\"https:\/\/www.psib-psoe.org\/mallorca\/\">\n\t\t<\/span>\n\t\t\t\t<span class=\"hide\" itemprop=\"image\" itemscope itemtype=\"http:\/\/schema.org\/ImageObject\">\n\t\t\t<meta itemprop=\"url\" content=\"https:\/\/www.psib-psoe.org\/mallorca\/wp-content\/uploads\/Grup-ple-120326.jpeg\">\n\t\t\t<meta itemprop=\"width\" content=\"1024\">\n\t\t\t<meta itemprop=\"height\" content=\"497\">\n\t\t<\/span>\n\t\t\t\t<meta itemscope itemprop=\"mainEntityOfPage\" itemtype=\"https:\/\/schema.org\/WebPage\" itemid=\"https:\/\/www.psib-psoe.org\/mallorca\/el-consell-de-mallorca-no-aporta-els-informes-que-regularan-el-trasllat-dels-fems-deivissa-per-a-ser-incinerats-a-mallorca\/\">\n\t<\/aside>\n\t\t<\/article>\n<\/div>\n<div class=\"small-12 large-4 columns\">\n\t<article itemscope itemtype=\"http:\/\/schema.org\/Article\" class=\"post blog-style7 alt post-31100 type-post status-publish format-standard has-post-thumbnail hentry category-federacio-de-mallorca category-federacio-de-mallorca-portada category-municipis category-portada tag-amanda-fernandez tag-andreu-serra tag-ares-fernandez tag-bea-gamundi tag-biel-alomar tag-catalina-cladera tag-consell-de-mallorca tag-federacio-socialista-de-mallorca tag-jaume-mateu tag-joan-ferrer tag-joan-mendez-2 tag-joana-maria-adrover tag-sofia-alonso\" role=\"article\">\n\t\t<figure class=\"post-gallery\"><img loading=\"lazy\" decoding=\"async\" width=\"600\" height=\"400\" src=\"https:\/\/www.psib-psoe.org\/mallorca\/wp-content\/uploads\/foto-lectura-manifest-no-a-la-guerra-Consell-600x400.jpeg\" class=\"attachment-notio-general-x2 size-notio-general-x2 wp-post-image\" alt=\"\" srcset=\"https:\/\/www.psib-psoe.org\/mallorca\/wp-content\/uploads\/foto-lectura-manifest-no-a-la-guerra-Consell-600x400.jpeg 600w, https:\/\/www.psib-psoe.org\/mallorca\/wp-content\/uploads\/foto-lectura-manifest-no-a-la-guerra-Consell-300x200.jpeg 300w, https:\/\/www.psib-psoe.org\/mallorca\/wp-content\/uploads\/foto-lectura-manifest-no-a-la-guerra-Consell-20x13.jpeg 20w, https:\/\/www.psib-psoe.org\/mallorca\/wp-content\/uploads\/foto-lectura-manifest-no-a-la-guerra-Consell-900x600.jpeg 900w\" sizes=\"(max-width: 600px) 100vw, 600px\" \/><\/figure>\n\t\t<div class=\"blog-top\">\n\t\t\t<header class=\"post-title entry-header\">\n\t\t\t\t<aside class=\"post-meta cf\">\n\t\t12\/03\/2026 \/ <a href=\"https:\/\/www.psib-psoe.org\/mallorca\/category\/federacio-de-mallorca\/\" rel=\"category tag\">Federaci\u00f3 de Mallorca<\/a>, <a href=\"https:\/\/www.psib-psoe.org\/mallorca\/category\/federacio-de-mallorca-portada\/\" rel=\"category tag\">Federaci\u00f3 de Mallorca - Portada<\/a>, <a href=\"https:\/\/www.psib-psoe.org\/mallorca\/category\/municipis\/\" rel=\"category tag\">Municipis<\/a>, <a href=\"https:\/\/www.psib-psoe.org\/mallorca\/category\/portada\/\" rel=\"category tag\">Portada<\/a><\/aside>\n\t\t\t\t<h3 itemprop=\"headline\"><a href=\"https:\/\/www.psib-psoe.org\/mallorca\/el-psib-psoe-promou-un-manifest-en-favor-de-la-pau-i-el-multilateralisme-al-consell-de-mallorca-i-lamenta-que-la-ultradreta-impedeixi-la-unanimitat\/\" title=\"El PSIB PSOE promou un manifest en favor de la Pau i el multilateralisme al Consell de Mallorca i lamenta que la ultradreta impedeixi la unanimitat.\">El PSIB PSOE promou un manifest en favor de la Pau i el multilateralisme al Consell de Mallorca i lamenta que la ultradreta impedeixi la unanimitat.<\/a><\/h3>\n\t\t\t<\/header>\n\t\t<\/div>\n\t\t<div class=\"post-content\">\n\t\t\t<a href=\"https:\/\/www.psib-psoe.org\/mallorca\/el-psib-psoe-promou-un-manifest-en-favor-de-la-pau-i-el-multilateralisme-al-consell-de-mallorca-i-lamenta-que-la-ultradreta-impedeixi-la-unanimitat\/\" class=\"more-link\">Read More<\/a>\n\t\t<\/div>\n\t\t\t<aside class=\"post-bottom-meta hide\">\n\t\t<strong rel=\"author\" itemprop=\"author\" class=\"author vcard\"><span class=\"fn\">Albert<\/span><\/strong>\n\t\t<time class=\"date published time\" datetime=\"2026-03-12T12:48:48+02:00\" itemprop=\"datePublished\" content=\"2026-03-12T12:48:48+02:00\">2 mesos ago<\/time>\n\t\t<meta itemprop=\"dateModified\" class=\"date updated\" content=\"2026-03-12T12:49:00+02:00\">\n\t\t<span class=\"hide\" itemprop=\"publisher\" itemscope itemtype=\"https:\/\/schema.org\/Organization\">\n\t\t\t<meta itemprop=\"name\" content=\"SocialistesdMca\">\n\t\t\t<span itemprop=\"logo\" itemscope itemtype=\"https:\/\/schema.org\/ImageObject\">\n\t\t\t\t<meta itemprop=\"url\" content=\"https:\/\/www.psib-psoe.org\/mallorca\/wp-content\/themes\/notio-wp\/assets\/img\/logo.png\">\n\t\t\t<\/span>\n\t\t\t<meta itemprop=\"url\" content=\"https:\/\/www.psib-psoe.org\/mallorca\/\">\n\t\t<\/span>\n\t\t\t\t<span class=\"hide\" itemprop=\"image\" itemscope itemtype=\"http:\/\/schema.org\/ImageObject\">\n\t\t\t<meta itemprop=\"url\" content=\"https:\/\/www.psib-psoe.org\/mallorca\/wp-content\/uploads\/foto-lectura-manifest-no-a-la-guerra-Consell.jpeg\">\n\t\t\t<meta itemprop=\"width\" content=\"1600\">\n\t\t\t<meta itemprop=\"height\" content=\"1120\">\n\t\t<\/span>\n\t\t\t\t<meta itemscope itemprop=\"mainEntityOfPage\" itemtype=\"https:\/\/schema.org\/WebPage\" itemid=\"https:\/\/www.psib-psoe.org\/mallorca\/el-psib-psoe-promou-un-manifest-en-favor-de-la-pau-i-el-multilateralisme-al-consell-de-mallorca-i-lamenta-que-la-ultradreta-impedeixi-la-unanimitat\/\">\n\t<\/aside>\n\t\t<\/article>\n<\/div>\n<div class=\"small-12 large-4 columns\">\n\t<article itemscope itemtype=\"http:\/\/schema.org\/Article\" class=\"post blog-style7 alt post-31095 type-post status-publish format-standard has-post-thumbnail hentry category-federacio-de-mallorca category-federacio-de-mallorca-portada category-municipis category-portada tag-amanda-fernandez tag-ares-fernandez tag-catalina-cladera tag-consell-de-mallorca tag-federacio-socialista-de-mallorca tag-jaume-mateu tag-manolo-galan tag-socialistes-darta\" role=\"article\">\n\t\t<figure class=\"post-gallery\"><img loading=\"lazy\" decoding=\"async\" width=\"600\" height=\"400\" src=\"https:\/\/www.psib-psoe.org\/mallorca\/wp-content\/uploads\/Arta-ronda-Nord-600x400.jpeg\" class=\"attachment-notio-general-x2 size-notio-general-x2 wp-post-image\" alt=\"\" srcset=\"https:\/\/www.psib-psoe.org\/mallorca\/wp-content\/uploads\/Arta-ronda-Nord-600x400.jpeg 600w, https:\/\/www.psib-psoe.org\/mallorca\/wp-content\/uploads\/Arta-ronda-Nord-300x200.jpeg 300w, https:\/\/www.psib-psoe.org\/mallorca\/wp-content\/uploads\/Arta-ronda-Nord-900x600.jpeg 900w, https:\/\/www.psib-psoe.org\/mallorca\/wp-content\/uploads\/Arta-ronda-Nord-20x13.jpeg 20w\" sizes=\"(max-width: 600px) 100vw, 600px\" \/><\/figure>\n\t\t<div class=\"blog-top\">\n\t\t\t<header class=\"post-title entry-header\">\n\t\t\t\t<aside class=\"post-meta cf\">\n\t\t11\/03\/2026 \/ <a href=\"https:\/\/www.psib-psoe.org\/mallorca\/category\/federacio-de-mallorca\/\" rel=\"category tag\">Federaci\u00f3 de Mallorca<\/a>, <a href=\"https:\/\/www.psib-psoe.org\/mallorca\/category\/federacio-de-mallorca-portada\/\" rel=\"category tag\">Federaci\u00f3 de Mallorca - Portada<\/a>, <a href=\"https:\/\/www.psib-psoe.org\/mallorca\/category\/municipis\/\" rel=\"category tag\">Municipis<\/a>, <a href=\"https:\/\/www.psib-psoe.org\/mallorca\/category\/portada\/\" rel=\"category tag\">Portada<\/a><\/aside>\n\t\t\t\t<h3 itemprop=\"headline\"><a href=\"https:\/\/www.psib-psoe.org\/mallorca\/el-psib-psoe-reclama-al-consell-de-mallorca-que-acceleri-la-tramitacio-i-execucio-de-la-ronda-nord-darta\/\" title=\"El PSIB-PSOE reclama al Consell de Mallorca que acceleri la tramitaci\u00f3 i execuci\u00f3 de la Ronda Nord d\u2019Art\u00e0\">El PSIB-PSOE reclama al Consell de Mallorca que acceleri la tramitaci\u00f3 i execuci\u00f3 de la Ronda Nord d\u2019Art\u00e0<\/a><\/h3>\n\t\t\t<\/header>\n\t\t<\/div>\n\t\t<div class=\"post-content\">\n\t\t\t<a href=\"https:\/\/www.psib-psoe.org\/mallorca\/el-psib-psoe-reclama-al-consell-de-mallorca-que-acceleri-la-tramitacio-i-execucio-de-la-ronda-nord-darta\/\" class=\"more-link\">Read More<\/a>\n\t\t<\/div>\n\t\t\t<aside class=\"post-bottom-meta hide\">\n\t\t<strong rel=\"author\" itemprop=\"author\" class=\"author vcard\"><span class=\"fn\">Albert<\/span><\/strong>\n\t\t<time class=\"date published time\" datetime=\"2026-03-11T19:12:24+02:00\" itemprop=\"datePublished\" content=\"2026-03-11T19:12:24+02:00\">2 mesos ago<\/time>\n\t\t<meta itemprop=\"dateModified\" class=\"date updated\" content=\"2026-03-11T19:12:35+02:00\">\n\t\t<span class=\"hide\" itemprop=\"publisher\" itemscope itemtype=\"https:\/\/schema.org\/Organization\">\n\t\t\t<meta itemprop=\"name\" content=\"SocialistesdMca\">\n\t\t\t<span itemprop=\"logo\" itemscope itemtype=\"https:\/\/schema.org\/ImageObject\">\n\t\t\t\t<meta itemprop=\"url\" content=\"https:\/\/www.psib-psoe.org\/mallorca\/wp-content\/themes\/notio-wp\/assets\/img\/logo.png\">\n\t\t\t<\/span>\n\t\t\t<meta itemprop=\"url\" content=\"https:\/\/www.psib-psoe.org\/mallorca\/\">\n\t\t<\/span>\n\t\t\t\t<span class=\"hide\" itemprop=\"image\" itemscope itemtype=\"http:\/\/schema.org\/ImageObject\">\n\t\t\t<meta itemprop=\"url\" content=\"https:\/\/www.psib-psoe.org\/mallorca\/wp-content\/uploads\/Arta-ronda-Nord.jpeg\">\n\t\t\t<meta itemprop=\"width\" content=\"1600\">\n\t\t\t<meta itemprop=\"height\" content=\"1200\">\n\t\t<\/span>\n\t\t\t\t<meta itemscope itemprop=\"mainEntityOfPage\" itemtype=\"https:\/\/schema.org\/WebPage\" itemid=\"https:\/\/www.psib-psoe.org\/mallorca\/el-psib-psoe-reclama-al-consell-de-mallorca-que-acceleri-la-tramitacio-i-execucio-de-la-ronda-nord-darta\/\">\n\t<\/aside>\n\t\t<\/article>\n<\/div>\n<div class=\"small-12 large-4 columns\">\n\t<article itemscope itemtype=\"http:\/\/schema.org\/Article\" class=\"post blog-style7 alt post-31091 type-post status-publish format-standard has-post-thumbnail hentry category-federacio-de-mallorca category-federacio-de-mallorca-portada category-municipis category-portada tag-amanda-fernandez tag-ares-fernandez tag-catalina-cladera tag-consell-de-mallorca tag-federacio-socialista-de-mallorca tag-jaume-mateu tag-joan-ferrer tag-palma tag-sofia-alonso\" role=\"article\">\n\t\t<figure class=\"post-gallery\"><img loading=\"lazy\" decoding=\"async\" width=\"600\" height=\"400\" src=\"https:\/\/www.psib-psoe.org\/mallorca\/wp-content\/uploads\/Foto-agermanats-correllengua-600x400.jpeg\" class=\"attachment-notio-general-x2 size-notio-general-x2 wp-post-image\" alt=\"\" srcset=\"https:\/\/www.psib-psoe.org\/mallorca\/wp-content\/uploads\/Foto-agermanats-correllengua-600x400.jpeg 600w, https:\/\/www.psib-psoe.org\/mallorca\/wp-content\/uploads\/Foto-agermanats-correllengua-300x200.jpeg 300w, https:\/\/www.psib-psoe.org\/mallorca\/wp-content\/uploads\/Foto-agermanats-correllengua-900x600.jpeg 900w, https:\/\/www.psib-psoe.org\/mallorca\/wp-content\/uploads\/Foto-agermanats-correllengua-20x13.jpeg 20w\" sizes=\"(max-width: 600px) 100vw, 600px\" \/><\/figure>\n\t\t<div class=\"blog-top\">\n\t\t\t<header class=\"post-title entry-header\">\n\t\t\t\t<aside class=\"post-meta cf\">\n\t\t11\/03\/2026 \/ <a href=\"https:\/\/www.psib-psoe.org\/mallorca\/category\/federacio-de-mallorca\/\" rel=\"category tag\">Federaci\u00f3 de Mallorca<\/a>, <a href=\"https:\/\/www.psib-psoe.org\/mallorca\/category\/federacio-de-mallorca-portada\/\" rel=\"category tag\">Federaci\u00f3 de Mallorca - Portada<\/a>, <a href=\"https:\/\/www.psib-psoe.org\/mallorca\/category\/municipis\/\" rel=\"category tag\">Municipis<\/a>, <a href=\"https:\/\/www.psib-psoe.org\/mallorca\/category\/portada\/\" rel=\"category tag\">Portada<\/a><\/aside>\n\t\t\t\t<h3 itemprop=\"headline\"><a href=\"https:\/\/www.psib-psoe.org\/mallorca\/psib-psoe-mes-per-mallorca-i-coalicio-per-mallorca-defensen-una-mocio-conjunta-de-suport-al-correllengua-agermanat-2026-al-ple-del-consell-de-mallorca\/\" title=\"PSIB-PSOE, M\u00c9S per Mallorca i Coalici\u00f3 per Mallorca defensen una moci\u00f3 conjunta de suport al Correllengua Agermanat 2026 al ple del Consell de Mallorca.\">PSIB-PSOE, M\u00c9S per Mallorca i Coalici\u00f3 per Mallorca defensen una moci\u00f3 conjunta de suport al Correllengua Agermanat 2026 al ple del Consell de Mallorca.<\/a><\/h3>\n\t\t\t<\/header>\n\t\t<\/div>\n\t\t<div class=\"post-content\">\n\t\t\t<a href=\"https:\/\/www.psib-psoe.org\/mallorca\/psib-psoe-mes-per-mallorca-i-coalicio-per-mallorca-defensen-una-mocio-conjunta-de-suport-al-correllengua-agermanat-2026-al-ple-del-consell-de-mallorca\/\" class=\"more-link\">Read More<\/a>\n\t\t<\/div>\n\t\t\t<aside class=\"post-bottom-meta hide\">\n\t\t<strong rel=\"author\" itemprop=\"author\" class=\"author vcard\"><span class=\"fn\">Albert<\/span><\/strong>\n\t\t<time class=\"date published time\" datetime=\"2026-03-11T15:46:22+02:00\" itemprop=\"datePublished\" content=\"2026-03-11T15:46:22+02:00\">2 mesos ago<\/time>\n\t\t<meta itemprop=\"dateModified\" class=\"date updated\" content=\"2026-03-11T15:46:35+02:00\">\n\t\t<span class=\"hide\" itemprop=\"publisher\" itemscope itemtype=\"https:\/\/schema.org\/Organization\">\n\t\t\t<meta itemprop=\"name\" content=\"SocialistesdMca\">\n\t\t\t<span itemprop=\"logo\" itemscope itemtype=\"https:\/\/schema.org\/ImageObject\">\n\t\t\t\t<meta itemprop=\"url\" content=\"https:\/\/www.psib-psoe.org\/mallorca\/wp-content\/themes\/notio-wp\/assets\/img\/logo.png\">\n\t\t\t<\/span>\n\t\t\t<meta itemprop=\"url\" content=\"https:\/\/www.psib-psoe.org\/mallorca\/\">\n\t\t<\/span>\n\t\t\t\t<span class=\"hide\" itemprop=\"image\" itemscope itemtype=\"http:\/\/schema.org\/ImageObject\">\n\t\t\t<meta itemprop=\"url\" content=\"https:\/\/www.psib-psoe.org\/mallorca\/wp-content\/uploads\/Foto-agermanats-correllengua.jpeg\">\n\t\t\t<meta itemprop=\"width\" content=\"1600\">\n\t\t\t<meta itemprop=\"height\" content=\"899\">\n\t\t<\/span>\n\t\t\t\t<meta itemscope itemprop=\"mainEntityOfPage\" itemtype=\"https:\/\/schema.org\/WebPage\" itemid=\"https:\/\/www.psib-psoe.org\/mallorca\/psib-psoe-mes-per-mallorca-i-coalicio-per-mallorca-defensen-una-mocio-conjunta-de-suport-al-correllengua-agermanat-2026-al-ple-del-consell-de-mallorca\/\">\n\t<\/aside>\n\t\t<\/article>\n<\/div>\n<div class=\"small-12 large-4 columns\">\n\t<article itemscope itemtype=\"http:\/\/schema.org\/Article\" class=\"post blog-style7 alt post-31088 type-post status-publish format-standard has-post-thumbnail hentry category-federacio-de-mallorca category-federacio-de-mallorca-portada category-municipis category-portada tag-amanda-fernandez tag-ares-fernandez tag-catalina-cladera tag-consell-de-mallorca tag-federacio-socialista-de-mallorca tag-jaume-mateu tag-joan-ferrer tag-palma tag-sofia-alonso\" role=\"article\">\n\t\t<figure class=\"post-gallery\"><img loading=\"lazy\" decoding=\"async\" width=\"600\" height=\"400\" src=\"https:\/\/www.psib-psoe.org\/mallorca\/wp-content\/uploads\/Sofia-Joan-rdp-bis-2-600x400.jpeg\" class=\"attachment-notio-general-x2 size-notio-general-x2 wp-post-image\" alt=\"\" srcset=\"https:\/\/www.psib-psoe.org\/mallorca\/wp-content\/uploads\/Sofia-Joan-rdp-bis-2-600x400.jpeg 600w, https:\/\/www.psib-psoe.org\/mallorca\/wp-content\/uploads\/Sofia-Joan-rdp-bis-2-300x200.jpeg 300w, https:\/\/www.psib-psoe.org\/mallorca\/wp-content\/uploads\/Sofia-Joan-rdp-bis-2-900x600.jpeg 900w, https:\/\/www.psib-psoe.org\/mallorca\/wp-content\/uploads\/Sofia-Joan-rdp-bis-2-20x13.jpeg 20w\" sizes=\"(max-width: 600px) 100vw, 600px\" \/><\/figure>\n\t\t<div class=\"blog-top\">\n\t\t\t<header class=\"post-title entry-header\">\n\t\t\t\t<aside class=\"post-meta cf\">\n\t\t11\/03\/2026 \/ <a href=\"https:\/\/www.psib-psoe.org\/mallorca\/category\/federacio-de-mallorca\/\" rel=\"category tag\">Federaci\u00f3 de Mallorca<\/a>, <a href=\"https:\/\/www.psib-psoe.org\/mallorca\/category\/federacio-de-mallorca-portada\/\" rel=\"category tag\">Federaci\u00f3 de Mallorca - Portada<\/a>, <a href=\"https:\/\/www.psib-psoe.org\/mallorca\/category\/municipis\/\" rel=\"category tag\">Municipis<\/a>, <a href=\"https:\/\/www.psib-psoe.org\/mallorca\/category\/portada\/\" rel=\"category tag\">Portada<\/a><\/aside>\n\t\t\t\t<h3 itemprop=\"headline\"><a href=\"https:\/\/www.psib-psoe.org\/mallorca\/la-liquidacio-del-pressupost-de-2025-demostra-un-any-mes-la-mala-gestio-de-galmes-al-consell-de-mallorca\/\" title=\"La liquidaci\u00f3 del pressupost de 2025 demostra, un any m\u00e9s, la mala gesti\u00f3 de Galm\u00e9s al Consell de Mallorca.\">La liquidaci\u00f3 del pressupost de 2025 demostra, un any m\u00e9s, la mala gesti\u00f3 de Galm\u00e9s al Consell de Mallorca.<\/a><\/h3>\n\t\t\t<\/header>\n\t\t<\/div>\n\t\t<div class=\"post-content\">\n\t\t\t<a href=\"https:\/\/www.psib-psoe.org\/mallorca\/la-liquidacio-del-pressupost-de-2025-demostra-un-any-mes-la-mala-gestio-de-galmes-al-consell-de-mallorca\/\" class=\"more-link\">Read More<\/a>\n\t\t<\/div>\n\t\t\t<aside class=\"post-bottom-meta hide\">\n\t\t<strong rel=\"author\" itemprop=\"author\" class=\"author vcard\"><span class=\"fn\">Albert<\/span><\/strong>\n\t\t<time class=\"date published time\" datetime=\"2026-03-11T11:47:11+02:00\" itemprop=\"datePublished\" content=\"2026-03-11T11:47:11+02:00\">2 mesos ago<\/time>\n\t\t<meta itemprop=\"dateModified\" class=\"date updated\" content=\"2026-03-11T11:47:24+02:00\">\n\t\t<span class=\"hide\" itemprop=\"publisher\" itemscope itemtype=\"https:\/\/schema.org\/Organization\">\n\t\t\t<meta itemprop=\"name\" content=\"SocialistesdMca\">\n\t\t\t<span itemprop=\"logo\" itemscope itemtype=\"https:\/\/schema.org\/ImageObject\">\n\t\t\t\t<meta itemprop=\"url\" content=\"https:\/\/www.psib-psoe.org\/mallorca\/wp-content\/themes\/notio-wp\/assets\/img\/logo.png\">\n\t\t\t<\/span>\n\t\t\t<meta itemprop=\"url\" content=\"https:\/\/www.psib-psoe.org\/mallorca\/\">\n\t\t<\/span>\n\t\t\t\t<span class=\"hide\" itemprop=\"image\" itemscope itemtype=\"http:\/\/schema.org\/ImageObject\">\n\t\t\t<meta itemprop=\"url\" content=\"https:\/\/www.psib-psoe.org\/mallorca\/wp-content\/uploads\/Sofia-Joan-rdp-bis-2-scaled.jpeg\">\n\t\t\t<meta itemprop=\"width\" content=\"2266\">\n\t\t\t<meta itemprop=\"height\" content=\"2560\">\n\t\t<\/span>\n\t\t\t\t<meta itemscope itemprop=\"mainEntityOfPage\" itemtype=\"https:\/\/schema.org\/WebPage\" itemid=\"https:\/\/www.psib-psoe.org\/mallorca\/la-liquidacio-del-pressupost-de-2025-demostra-un-any-mes-la-mala-gestio-de-galmes-al-consell-de-mallorca\/\">\n\t<\/aside>\n\t\t<\/article>\n<\/div>\n<div class=\"small-12 large-4 columns\">\n\t<article itemscope itemtype=\"http:\/\/schema.org\/Article\" class=\"post blog-style7 alt post-31084 type-post status-publish format-standard has-post-thumbnail hentry category-federacio-de-mallorca category-federacio-de-mallorca-portada category-municipis category-portada tag-agrupacio-socialista-de-pollenca tag-amanda-fernandez tag-andreu-serra tag-ares-fernandez tag-biel-alomar tag-catalina-cladera tag-consell-de-mallorca tag-federacio-socialista-de-mallorca tag-joan-ferrer tag-joan-mendez-2 tag-marti-march-2 tag-psib-psoe tag-sofia-alonso\" role=\"article\">\n\t\t<figure class=\"post-gallery\"><img loading=\"lazy\" decoding=\"async\" width=\"600\" height=\"400\" src=\"https:\/\/www.psib-psoe.org\/mallorca\/wp-content\/uploads\/Executiva-111125-edited-1-600x400.jpeg\" class=\"attachment-notio-general-x2 size-notio-general-x2 wp-post-image\" alt=\"\" srcset=\"https:\/\/www.psib-psoe.org\/mallorca\/wp-content\/uploads\/Executiva-111125-edited-1-600x400.jpeg 600w, https:\/\/www.psib-psoe.org\/mallorca\/wp-content\/uploads\/Executiva-111125-edited-1-300x200.jpeg 300w, https:\/\/www.psib-psoe.org\/mallorca\/wp-content\/uploads\/Executiva-111125-edited-1-900x600.jpeg 900w, https:\/\/www.psib-psoe.org\/mallorca\/wp-content\/uploads\/Executiva-111125-edited-1-20x13.jpeg 20w\" sizes=\"(max-width: 600px) 100vw, 600px\" \/><\/figure>\n\t\t<div class=\"blog-top\">\n\t\t\t<header class=\"post-title entry-header\">\n\t\t\t\t<aside class=\"post-meta cf\">\n\t\t10\/03\/2026 \/ <a href=\"https:\/\/www.psib-psoe.org\/mallorca\/category\/federacio-de-mallorca\/\" rel=\"category tag\">Federaci\u00f3 de Mallorca<\/a>, <a href=\"https:\/\/www.psib-psoe.org\/mallorca\/category\/federacio-de-mallorca-portada\/\" rel=\"category tag\">Federaci\u00f3 de Mallorca - Portada<\/a>, <a href=\"https:\/\/www.psib-psoe.org\/mallorca\/category\/municipis\/\" rel=\"category tag\">Municipis<\/a>, <a href=\"https:\/\/www.psib-psoe.org\/mallorca\/category\/portada\/\" rel=\"category tag\">Portada<\/a><\/aside>\n\t\t\t\t<h3 itemprop=\"headline\"><a href=\"https:\/\/www.psib-psoe.org\/mallorca\/els-socialistes-de-mallorca-reclamen-un-canvi-politic-urgent-per-afrontar-els-reptes-socials-mes-urgents-que-ppvox-deixa-de-banda\/\" title=\"Els Socialistes de Mallorca reclamen un \u201ccanvi pol\u00edtic urgent\u201d per afrontar els reptes socials m\u00e9s urgents que PPVox deixa de banda. \u00a0\">Els Socialistes de Mallorca reclamen un \u201ccanvi pol\u00edtic urgent\u201d per afrontar els reptes socials m\u00e9s urgents que PPVox deixa de banda. \u00a0<\/a><\/h3>\n\t\t\t<\/header>\n\t\t<\/div>\n\t\t<div class=\"post-content\">\n\t\t\t<a href=\"https:\/\/www.psib-psoe.org\/mallorca\/els-socialistes-de-mallorca-reclamen-un-canvi-politic-urgent-per-afrontar-els-reptes-socials-mes-urgents-que-ppvox-deixa-de-banda\/\" class=\"more-link\">Read More<\/a>\n\t\t<\/div>\n\t\t\t<aside class=\"post-bottom-meta hide\">\n\t\t<strong rel=\"author\" itemprop=\"author\" class=\"author vcard\"><span class=\"fn\">Albert<\/span><\/strong>\n\t\t<time class=\"date published time\" datetime=\"2026-03-10T18:54:27+02:00\" itemprop=\"datePublished\" content=\"2026-03-10T18:54:27+02:00\">2 mesos ago<\/time>\n\t\t<meta itemprop=\"dateModified\" class=\"date updated\" content=\"2026-03-10T20:58:09+02:00\">\n\t\t<span class=\"hide\" itemprop=\"publisher\" itemscope itemtype=\"https:\/\/schema.org\/Organization\">\n\t\t\t<meta itemprop=\"name\" content=\"SocialistesdMca\">\n\t\t\t<span itemprop=\"logo\" itemscope itemtype=\"https:\/\/schema.org\/ImageObject\">\n\t\t\t\t<meta itemprop=\"url\" content=\"https:\/\/www.psib-psoe.org\/mallorca\/wp-content\/themes\/notio-wp\/assets\/img\/logo.png\">\n\t\t\t<\/span>\n\t\t\t<meta itemprop=\"url\" content=\"https:\/\/www.psib-psoe.org\/mallorca\/\">\n\t\t<\/span>\n\t\t\t\t<span class=\"hide\" itemprop=\"image\" itemscope itemtype=\"http:\/\/schema.org\/ImageObject\">\n\t\t\t<meta itemprop=\"url\" content=\"https:\/\/www.psib-psoe.org\/mallorca\/wp-content\/uploads\/Executiva-111125-edited-1.jpeg\">\n\t\t\t<meta itemprop=\"width\" content=\"1536\">\n\t\t\t<meta itemprop=\"height\" content=\"864\">\n\t\t<\/span>\n\t\t\t\t<meta itemscope itemprop=\"mainEntityOfPage\" itemtype=\"https:\/\/schema.org\/WebPage\" itemid=\"https:\/\/www.psib-psoe.org\/mallorca\/els-socialistes-de-mallorca-reclamen-un-canvi-politic-urgent-per-afrontar-els-reptes-socials-mes-urgents-que-ppvox-deixa-de-banda\/\">\n\t<\/aside>\n\t\t<\/article>\n<\/div>\n<div class=\"small-12 large-4 columns\">\n\t<article itemscope itemtype=\"http:\/\/schema.org\/Article\" class=\"post blog-style7 alt post-31078 type-post status-publish format-standard has-post-thumbnail hentry category-federacio-de-mallorca category-federacio-de-mallorca-portada category-municipis category-portada tag-amanda-fernandez tag-ares-fernandez tag-catalina-cladera tag-consell-de-mallorca tag-federacio-socialista-de-mallorca tag-jaume-mateu tag-joan-ferrer tag-palma tag-sofia-alonso\" role=\"article\">\n\t\t<figure class=\"post-gallery\"><img loading=\"lazy\" decoding=\"async\" width=\"600\" height=\"400\" src=\"https:\/\/www.psib-psoe.org\/mallorca\/wp-content\/uploads\/Sofia-Joan-rdp-bis-2-600x400.jpeg\" class=\"attachment-notio-general-x2 size-notio-general-x2 wp-post-image\" alt=\"\" srcset=\"https:\/\/www.psib-psoe.org\/mallorca\/wp-content\/uploads\/Sofia-Joan-rdp-bis-2-600x400.jpeg 600w, https:\/\/www.psib-psoe.org\/mallorca\/wp-content\/uploads\/Sofia-Joan-rdp-bis-2-300x200.jpeg 300w, https:\/\/www.psib-psoe.org\/mallorca\/wp-content\/uploads\/Sofia-Joan-rdp-bis-2-900x600.jpeg 900w, https:\/\/www.psib-psoe.org\/mallorca\/wp-content\/uploads\/Sofia-Joan-rdp-bis-2-20x13.jpeg 20w\" sizes=\"(max-width: 600px) 100vw, 600px\" \/><\/figure>\n\t\t<div class=\"blog-top\">\n\t\t\t<header class=\"post-title entry-header\">\n\t\t\t\t<aside class=\"post-meta cf\">\n\t\t10\/03\/2026 \/ <a href=\"https:\/\/www.psib-psoe.org\/mallorca\/category\/federacio-de-mallorca\/\" rel=\"category tag\">Federaci\u00f3 de Mallorca<\/a>, <a href=\"https:\/\/www.psib-psoe.org\/mallorca\/category\/federacio-de-mallorca-portada\/\" rel=\"category tag\">Federaci\u00f3 de Mallorca - Portada<\/a>, <a href=\"https:\/\/www.psib-psoe.org\/mallorca\/category\/municipis\/\" rel=\"category tag\">Municipis<\/a>, <a href=\"https:\/\/www.psib-psoe.org\/mallorca\/category\/portada\/\" rel=\"category tag\">Portada<\/a><\/aside>\n\t\t\t\t<h3 itemprop=\"headline\"><a href=\"https:\/\/www.psib-psoe.org\/mallorca\/el-grup-socialista-denuncia-el-desallotjament-improvisat-de-la-preso-vella-de-palma-i-acusa-limas-dabandonar-les-200-persones-que-hi-vivien\/\" title=\"El Grup Socialista denuncia el desallotjament improvisat de la pres\u00f3 vella de Palma i acusa l\u2019IMAS d\u2019abandonar les 200 persones que hi vivien.\">El Grup Socialista denuncia el desallotjament improvisat de la pres\u00f3 vella de Palma i acusa l\u2019IMAS d\u2019abandonar les 200 persones que hi vivien.<\/a><\/h3>\n\t\t\t<\/header>\n\t\t<\/div>\n\t\t<div class=\"post-content\">\n\t\t\t<a href=\"https:\/\/www.psib-psoe.org\/mallorca\/el-grup-socialista-denuncia-el-desallotjament-improvisat-de-la-preso-vella-de-palma-i-acusa-limas-dabandonar-les-200-persones-que-hi-vivien\/\" class=\"more-link\">Read More<\/a>\n\t\t<\/div>\n\t\t\t<aside class=\"post-bottom-meta hide\">\n\t\t<strong rel=\"author\" itemprop=\"author\" class=\"author vcard\"><span class=\"fn\">Albert<\/span><\/strong>\n\t\t<time class=\"date published time\" datetime=\"2026-03-10T15:34:37+02:00\" itemprop=\"datePublished\" content=\"2026-03-10T15:34:37+02:00\">2 mesos ago<\/time>\n\t\t<meta itemprop=\"dateModified\" class=\"date updated\" content=\"2026-03-10T16:02:23+02:00\">\n\t\t<span class=\"hide\" itemprop=\"publisher\" itemscope itemtype=\"https:\/\/schema.org\/Organization\">\n\t\t\t<meta itemprop=\"name\" content=\"SocialistesdMca\">\n\t\t\t<span itemprop=\"logo\" itemscope itemtype=\"https:\/\/schema.org\/ImageObject\">\n\t\t\t\t<meta itemprop=\"url\" content=\"https:\/\/www.psib-psoe.org\/mallorca\/wp-content\/themes\/notio-wp\/assets\/img\/logo.png\">\n\t\t\t<\/span>\n\t\t\t<meta itemprop=\"url\" content=\"https:\/\/www.psib-psoe.org\/mallorca\/\">\n\t\t<\/span>\n\t\t\t\t<span class=\"hide\" itemprop=\"image\" itemscope itemtype=\"http:\/\/schema.org\/ImageObject\">\n\t\t\t<meta itemprop=\"url\" content=\"https:\/\/www.psib-psoe.org\/mallorca\/wp-content\/uploads\/Sofia-Joan-rdp-bis-2-scaled.jpeg\">\n\t\t\t<meta itemprop=\"width\" content=\"2266\">\n\t\t\t<meta itemprop=\"height\" content=\"2560\">\n\t\t<\/span>\n\t\t\t\t<meta itemscope itemprop=\"mainEntityOfPage\" itemtype=\"https:\/\/schema.org\/WebPage\" itemid=\"https:\/\/www.psib-psoe.org\/mallorca\/el-grup-socialista-denuncia-el-desallotjament-improvisat-de-la-preso-vella-de-palma-i-acusa-limas-dabandonar-les-200-persones-que-hi-vivien\/\">\n\t<\/aside>\n\t\t<\/article>\n<\/div>\n<div class=\"small-12 large-4 columns\">\n\t<article itemscope itemtype=\"http:\/\/schema.org\/Article\" class=\"post blog-style7 alt post-31075 type-post status-publish format-standard has-post-thumbnail hentry category-federacio-de-mallorca category-federacio-de-mallorca-portada category-municipis category-portada tag-agrupacio-socialista-de-llucmajor tag-amanda-fernandez tag-elsa-herranz tag-federacio-socialista-de-mallorca tag-jaume-j-oliver-2\" role=\"article\">\n\t\t<figure class=\"post-gallery\"><img loading=\"lazy\" decoding=\"async\" width=\"600\" height=\"400\" src=\"https:\/\/www.psib-psoe.org\/mallorca\/wp-content\/uploads\/Jaume-J-Oliver-1-600x400.jpeg\" class=\"attachment-notio-general-x2 size-notio-general-x2 wp-post-image\" alt=\"\" srcset=\"https:\/\/www.psib-psoe.org\/mallorca\/wp-content\/uploads\/Jaume-J-Oliver-1-600x400.jpeg 600w, https:\/\/www.psib-psoe.org\/mallorca\/wp-content\/uploads\/Jaume-J-Oliver-1-300x200.jpeg 300w, https:\/\/www.psib-psoe.org\/mallorca\/wp-content\/uploads\/Jaume-J-Oliver-1-20x13.jpeg 20w\" sizes=\"(max-width: 600px) 100vw, 600px\" \/><\/figure>\n\t\t<div class=\"blog-top\">\n\t\t\t<header class=\"post-title entry-header\">\n\t\t\t\t<aside class=\"post-meta cf\">\n\t\t10\/03\/2026 \/ <a href=\"https:\/\/www.psib-psoe.org\/mallorca\/category\/federacio-de-mallorca\/\" rel=\"category tag\">Federaci\u00f3 de Mallorca<\/a>, <a href=\"https:\/\/www.psib-psoe.org\/mallorca\/category\/federacio-de-mallorca-portada\/\" rel=\"category tag\">Federaci\u00f3 de Mallorca - Portada<\/a>, <a href=\"https:\/\/www.psib-psoe.org\/mallorca\/category\/municipis\/\" rel=\"category tag\">Municipis<\/a>, <a href=\"https:\/\/www.psib-psoe.org\/mallorca\/category\/portada\/\" rel=\"category tag\">Portada<\/a><\/aside>\n\t\t\t\t<h3 itemprop=\"headline\"><a href=\"https:\/\/www.psib-psoe.org\/mallorca\/els-socialistes-de-llucmajor-donen-suport-total-als-veinats-de-llucmajor-que-reclamen-contra-lajuntament-pel-deficient-servei-de-recollida-de-fems-que-la-batlessa-lascolas\/\" title=\"Els Socialistes de Llucmajor donen \u201csuport total\u201d als ve\u00efnats de Llucmajor que reclamen contra l\u2019Ajuntament, pel deficient servei de recollida de fems que la batlessa Lascolas no resol. \u00a0\">Els Socialistes de Llucmajor donen \u201csuport total\u201d als ve\u00efnats de Llucmajor que reclamen contra l\u2019Ajuntament, pel deficient servei de recollida de fems que la batlessa Lascolas no resol. \u00a0<\/a><\/h3>\n\t\t\t<\/header>\n\t\t<\/div>\n\t\t<div class=\"post-content\">\n\t\t\t<a href=\"https:\/\/www.psib-psoe.org\/mallorca\/els-socialistes-de-llucmajor-donen-suport-total-als-veinats-de-llucmajor-que-reclamen-contra-lajuntament-pel-deficient-servei-de-recollida-de-fems-que-la-batlessa-lascolas\/\" class=\"more-link\">Read More<\/a>\n\t\t<\/div>\n\t\t\t<aside class=\"post-bottom-meta hide\">\n\t\t<strong rel=\"author\" itemprop=\"author\" class=\"author vcard\"><span class=\"fn\">Albert<\/span><\/strong>\n\t\t<time class=\"date published time\" datetime=\"2026-03-10T15:01:12+02:00\" itemprop=\"datePublished\" content=\"2026-03-10T15:01:12+02:00\">2 mesos ago<\/time>\n\t\t<meta itemprop=\"dateModified\" class=\"date updated\" content=\"2026-03-10T15:01:25+02:00\">\n\t\t<span class=\"hide\" itemprop=\"publisher\" itemscope itemtype=\"https:\/\/schema.org\/Organization\">\n\t\t\t<meta itemprop=\"name\" content=\"SocialistesdMca\">\n\t\t\t<span itemprop=\"logo\" itemscope itemtype=\"https:\/\/schema.org\/ImageObject\">\n\t\t\t\t<meta itemprop=\"url\" content=\"https:\/\/www.psib-psoe.org\/mallorca\/wp-content\/themes\/notio-wp\/assets\/img\/logo.png\">\n\t\t\t<\/span>\n\t\t\t<meta itemprop=\"url\" content=\"https:\/\/www.psib-psoe.org\/mallorca\/\">\n\t\t<\/span>\n\t\t\t\t<span class=\"hide\" itemprop=\"image\" itemscope itemtype=\"http:\/\/schema.org\/ImageObject\">\n\t\t\t<meta itemprop=\"url\" content=\"https:\/\/www.psib-psoe.org\/mallorca\/wp-content\/uploads\/Jaume-J-Oliver-1.jpeg\">\n\t\t\t<meta itemprop=\"width\" content=\"828\">\n\t\t\t<meta itemprop=\"height\" content=\"828\">\n\t\t<\/span>\n\t\t\t\t<meta itemscope itemprop=\"mainEntityOfPage\" itemtype=\"https:\/\/schema.org\/WebPage\" itemid=\"https:\/\/www.psib-psoe.org\/mallorca\/els-socialistes-de-llucmajor-donen-suport-total-als-veinats-de-llucmajor-que-reclamen-contra-lajuntament-pel-deficient-servei-de-recollida-de-fems-que-la-batlessa-lascolas\/\">\n\t<\/aside>\n\t\t<\/article>\n<\/div>\n<div class=\"small-12 large-4 columns\">\n\t<article itemscope itemtype=\"http:\/\/schema.org\/Article\" class=\"post blog-style7 alt post-31071 type-post status-publish format-standard has-post-thumbnail hentry category-federacio-de-mallorca category-federacio-de-mallorca-portada category-municipis category-portada tag-amanda-fernandez tag-ares-fernandez tag-catalina-cladera tag-consell-de-mallorca tag-federacio-socialista-de-mallorca tag-jaume-mateu tag-joan-ferrer tag-sofia-alonso\" role=\"article\">\n\t\t<figure class=\"post-gallery\"><img loading=\"lazy\" decoding=\"async\" width=\"600\" height=\"400\" src=\"https:\/\/www.psib-psoe.org\/mallorca\/wp-content\/uploads\/Captura-de-pantalla-2026-03-09-154605-600x400.png\" class=\"attachment-notio-general-x2 size-notio-general-x2 wp-post-image\" alt=\"\" srcset=\"https:\/\/www.psib-psoe.org\/mallorca\/wp-content\/uploads\/Captura-de-pantalla-2026-03-09-154605-600x400.png 600w, https:\/\/www.psib-psoe.org\/mallorca\/wp-content\/uploads\/Captura-de-pantalla-2026-03-09-154605-300x200.png 300w, https:\/\/www.psib-psoe.org\/mallorca\/wp-content\/uploads\/Captura-de-pantalla-2026-03-09-154605-900x600.png 900w, https:\/\/www.psib-psoe.org\/mallorca\/wp-content\/uploads\/Captura-de-pantalla-2026-03-09-154605-20x13.png 20w\" sizes=\"(max-width: 600px) 100vw, 600px\" \/><\/figure>\n\t\t<div class=\"blog-top\">\n\t\t\t<header class=\"post-title entry-header\">\n\t\t\t\t<aside class=\"post-meta cf\">\n\t\t09\/03\/2026 \/ <a href=\"https:\/\/www.psib-psoe.org\/mallorca\/category\/federacio-de-mallorca\/\" rel=\"category tag\">Federaci\u00f3 de Mallorca<\/a>, <a href=\"https:\/\/www.psib-psoe.org\/mallorca\/category\/federacio-de-mallorca-portada\/\" rel=\"category tag\">Federaci\u00f3 de Mallorca - Portada<\/a>, <a href=\"https:\/\/www.psib-psoe.org\/mallorca\/category\/municipis\/\" rel=\"category tag\">Municipis<\/a>, <a href=\"https:\/\/www.psib-psoe.org\/mallorca\/category\/portada\/\" rel=\"category tag\">Portada<\/a><\/aside>\n\t\t\t\t<h3 itemprop=\"headline\"><a href=\"https:\/\/www.psib-psoe.org\/mallorca\/el-psib-psoe-acusa-galmes-de-fer-partidisme-amb-el-conveni-de-carreteres-i-reclama-una-politica-de-mobilitat-integral\/\" title=\"El PSIB-PSOE acusa Galm\u00e9s de fer \u201cpartidisme\u201d amb el conveni de carreteres i reclama una pol\u00edtica de mobilitat integral.\">El PSIB-PSOE acusa Galm\u00e9s de fer \u201cpartidisme\u201d amb el conveni de carreteres i reclama una pol\u00edtica de mobilitat integral.<\/a><\/h3>\n\t\t\t<\/header>\n\t\t<\/div>\n\t\t<div class=\"post-content\">\n\t\t\t<a href=\"https:\/\/www.psib-psoe.org\/mallorca\/el-psib-psoe-acusa-galmes-de-fer-partidisme-amb-el-conveni-de-carreteres-i-reclama-una-politica-de-mobilitat-integral\/\" class=\"more-link\">Read More<\/a>\n\t\t<\/div>\n\t\t\t<aside class=\"post-bottom-meta hide\">\n\t\t<strong rel=\"author\" itemprop=\"author\" class=\"author vcard\"><span class=\"fn\">Albert<\/span><\/strong>\n\t\t<time class=\"date published time\" datetime=\"2026-03-09T16:56:55+02:00\" itemprop=\"datePublished\" content=\"2026-03-09T16:56:55+02:00\">2 mesos ago<\/time>\n\t\t<meta itemprop=\"dateModified\" class=\"date updated\" content=\"2026-03-09T16:57:07+02:00\">\n\t\t<span class=\"hide\" itemprop=\"publisher\" itemscope itemtype=\"https:\/\/schema.org\/Organization\">\n\t\t\t<meta itemprop=\"name\" content=\"SocialistesdMca\">\n\t\t\t<span itemprop=\"logo\" itemscope itemtype=\"https:\/\/schema.org\/ImageObject\">\n\t\t\t\t<meta itemprop=\"url\" content=\"https:\/\/www.psib-psoe.org\/mallorca\/wp-content\/themes\/notio-wp\/assets\/img\/logo.png\">\n\t\t\t<\/span>\n\t\t\t<meta itemprop=\"url\" content=\"https:\/\/www.psib-psoe.org\/mallorca\/\">\n\t\t<\/span>\n\t\t\t\t<span class=\"hide\" itemprop=\"image\" itemscope itemtype=\"http:\/\/schema.org\/ImageObject\">\n\t\t\t<meta itemprop=\"url\" content=\"https:\/\/www.psib-psoe.org\/mallorca\/wp-content\/uploads\/Captura-de-pantalla-2026-03-09-154605.png\">\n\t\t\t<meta itemprop=\"width\" content=\"1436\">\n\t\t\t<meta itemprop=\"height\" content=\"1201\">\n\t\t<\/span>\n\t\t\t\t<meta itemscope itemprop=\"mainEntityOfPage\" itemtype=\"https:\/\/schema.org\/WebPage\" itemid=\"https:\/\/www.psib-psoe.org\/mallorca\/el-psib-psoe-acusa-galmes-de-fer-partidisme-amb-el-conveni-de-carreteres-i-reclama-una-politica-de-mobilitat-integral\/\">\n\t<\/aside>\n\t\t<\/article>\n<\/div>\n<div class=\"small-12 large-4 columns\">\n\t<article itemscope itemtype=\"http:\/\/schema.org\/Article\" class=\"post blog-style7 alt post-31066 type-post status-publish format-standard has-post-thumbnail hentry category-federacio-de-mallorca category-federacio-de-mallorca-portada category-municipis category-portada tag-amanda-fernandez tag-ares-fernandez tag-catalina-cladera tag-consell-de-mallorca tag-federacio-socialista-de-mallorca tag-joan-ferrer tag-rosario-sanchez tag-socialistes-dinca tag-sofia-alonso tag-virgilio-moreno\" role=\"article\">\n\t\t<figure class=\"post-gallery\"><img loading=\"lazy\" decoding=\"async\" width=\"600\" height=\"400\" src=\"https:\/\/www.psib-psoe.org\/mallorca\/wp-content\/uploads\/8M-Inca-600x400.jpeg\" class=\"attachment-notio-general-x2 size-notio-general-x2 wp-post-image\" alt=\"\" srcset=\"https:\/\/www.psib-psoe.org\/mallorca\/wp-content\/uploads\/8M-Inca-600x400.jpeg 600w, https:\/\/www.psib-psoe.org\/mallorca\/wp-content\/uploads\/8M-Inca-300x200.jpeg 300w, https:\/\/www.psib-psoe.org\/mallorca\/wp-content\/uploads\/8M-Inca-900x600.jpeg 900w, https:\/\/www.psib-psoe.org\/mallorca\/wp-content\/uploads\/8M-Inca-20x13.jpeg 20w\" sizes=\"(max-width: 600px) 100vw, 600px\" \/><\/figure>\n\t\t<div class=\"blog-top\">\n\t\t\t<header class=\"post-title entry-header\">\n\t\t\t\t<aside class=\"post-meta cf\">\n\t\t08\/03\/2026 \/ <a href=\"https:\/\/www.psib-psoe.org\/mallorca\/category\/federacio-de-mallorca\/\" rel=\"category tag\">Federaci\u00f3 de Mallorca<\/a>, <a href=\"https:\/\/www.psib-psoe.org\/mallorca\/category\/federacio-de-mallorca-portada\/\" rel=\"category tag\">Federaci\u00f3 de Mallorca - Portada<\/a>, <a href=\"https:\/\/www.psib-psoe.org\/mallorca\/category\/municipis\/\" rel=\"category tag\">Municipis<\/a>, <a href=\"https:\/\/www.psib-psoe.org\/mallorca\/category\/portada\/\" rel=\"category tag\">Portada<\/a><\/aside>\n\t\t\t\t<h3 itemprop=\"headline\"><a href=\"https:\/\/www.psib-psoe.org\/mallorca\/rosario-sanchez-acusa-el-govern-de-prohens-dhaver-ficat-dins-un-calaix-totes-les-politiques-digualtat-a-balears-per-no-molestar-vox\/\" title=\"Rosario S\u00e1nchez acusa el Govern de Prohens \u201cd\u2019haver ficat dins un calaix totes les pol\u00edtiques d\u2019igualtat a Balears per no molestar Vox\u201d.\">Rosario S\u00e1nchez acusa el Govern de Prohens \u201cd\u2019haver ficat dins un calaix totes les pol\u00edtiques d\u2019igualtat a Balears per no molestar Vox\u201d.<\/a><\/h3>\n\t\t\t<\/header>\n\t\t<\/div>\n\t\t<div class=\"post-content\">\n\t\t\t<a href=\"https:\/\/www.psib-psoe.org\/mallorca\/rosario-sanchez-acusa-el-govern-de-prohens-dhaver-ficat-dins-un-calaix-totes-les-politiques-digualtat-a-balears-per-no-molestar-vox\/\" class=\"more-link\">Read More<\/a>\n\t\t<\/div>\n\t\t\t<aside class=\"post-bottom-meta hide\">\n\t\t<strong rel=\"author\" itemprop=\"author\" class=\"author vcard\"><span class=\"fn\">Albert<\/span><\/strong>\n\t\t<time class=\"date published time\" datetime=\"2026-03-08T11:29:29+02:00\" itemprop=\"datePublished\" content=\"2026-03-08T11:29:29+02:00\">2 mesos ago<\/time>\n\t\t<meta itemprop=\"dateModified\" class=\"date updated\" content=\"2026-03-08T11:29:40+02:00\">\n\t\t<span class=\"hide\" itemprop=\"publisher\" itemscope itemtype=\"https:\/\/schema.org\/Organization\">\n\t\t\t<meta itemprop=\"name\" content=\"SocialistesdMca\">\n\t\t\t<span itemprop=\"logo\" itemscope itemtype=\"https:\/\/schema.org\/ImageObject\">\n\t\t\t\t<meta itemprop=\"url\" content=\"https:\/\/www.psib-psoe.org\/mallorca\/wp-content\/themes\/notio-wp\/assets\/img\/logo.png\">\n\t\t\t<\/span>\n\t\t\t<meta itemprop=\"url\" content=\"https:\/\/www.psib-psoe.org\/mallorca\/\">\n\t\t<\/span>\n\t\t\t\t<span class=\"hide\" itemprop=\"image\" itemscope itemtype=\"http:\/\/schema.org\/ImageObject\">\n\t\t\t<meta itemprop=\"url\" content=\"https:\/\/www.psib-psoe.org\/mallorca\/wp-content\/uploads\/8M-Inca.jpeg\">\n\t\t\t<meta itemprop=\"width\" content=\"1600\">\n\t\t\t<meta itemprop=\"height\" content=\"1200\">\n\t\t<\/span>\n\t\t\t\t<meta itemscope itemprop=\"mainEntityOfPage\" itemtype=\"https:\/\/schema.org\/WebPage\" itemid=\"https:\/\/www.psib-psoe.org\/mallorca\/rosario-sanchez-acusa-el-govern-de-prohens-dhaver-ficat-dins-un-calaix-totes-les-politiques-digualtat-a-balears-per-no-molestar-vox\/\">\n\t<\/aside>\n\t\t<\/article>\n<\/div>\n<div class=\"small-12 large-4 columns\">\n\t<article itemscope itemtype=\"http:\/\/schema.org\/Article\" class=\"post blog-style7 alt post-31061 type-post status-publish format-standard has-post-thumbnail hentry category-federacio-de-mallorca category-federacio-de-mallorca-portada category-municipis category-portada tag-amanda-fernandez tag-ares-fernandez tag-catalina-cladera tag-consell-de-mallorca tag-federacio-socialista-de-mallorca tag-jaume-mateu tag-joan-ferrer tag-sofia-alonso\" role=\"article\">\n\t\t<figure class=\"post-gallery\"><img loading=\"lazy\" decoding=\"async\" width=\"600\" height=\"400\" src=\"https:\/\/www.psib-psoe.org\/mallorca\/wp-content\/uploads\/Joana-Maria-Adrover-2-600x400.jpg\" class=\"attachment-notio-general-x2 size-notio-general-x2 wp-post-image\" alt=\"\" srcset=\"https:\/\/www.psib-psoe.org\/mallorca\/wp-content\/uploads\/Joana-Maria-Adrover-2-600x400.jpg 600w, https:\/\/www.psib-psoe.org\/mallorca\/wp-content\/uploads\/Joana-Maria-Adrover-2-300x200.jpg 300w, https:\/\/www.psib-psoe.org\/mallorca\/wp-content\/uploads\/Joana-Maria-Adrover-2-900x600.jpg 900w, https:\/\/www.psib-psoe.org\/mallorca\/wp-content\/uploads\/Joana-Maria-Adrover-2-20x13.jpg 20w\" sizes=\"(max-width: 600px) 100vw, 600px\" \/><\/figure>\n\t\t<div class=\"blog-top\">\n\t\t\t<header class=\"post-title entry-header\">\n\t\t\t\t<aside class=\"post-meta cf\">\n\t\t07\/03\/2026 \/ <a href=\"https:\/\/www.psib-psoe.org\/mallorca\/category\/federacio-de-mallorca\/\" rel=\"category tag\">Federaci\u00f3 de Mallorca<\/a>, <a href=\"https:\/\/www.psib-psoe.org\/mallorca\/category\/federacio-de-mallorca-portada\/\" rel=\"category tag\">Federaci\u00f3 de Mallorca - Portada<\/a>, <a href=\"https:\/\/www.psib-psoe.org\/mallorca\/category\/municipis\/\" rel=\"category tag\">Municipis<\/a>, <a href=\"https:\/\/www.psib-psoe.org\/mallorca\/category\/portada\/\" rel=\"category tag\">Portada<\/a><\/aside>\n\t\t\t\t<h3 itemprop=\"headline\"><a href=\"https:\/\/www.psib-psoe.org\/mallorca\/el-psib%e2%80%91psoe-denuncia-la-irresponsabilitat-del-consell-proclamen-sostenibilitat-a-berlin-i-hores-despres-impulsen-noves-places-turistiques\/\" title=\"El PSIB\u2011PSOE denuncia la irresponsabilitat del Consell: \u201cproclamen sostenibilitat a Berl\u00edn i hores despr\u00e9s impulsen noves places tur\u00edstiques\u201d.\">El PSIB\u2011PSOE denuncia la irresponsabilitat del Consell: \u201cproclamen sostenibilitat a Berl\u00edn i hores despr\u00e9s impulsen noves places tur\u00edstiques\u201d.<\/a><\/h3>\n\t\t\t<\/header>\n\t\t<\/div>\n\t\t<div class=\"post-content\">\n\t\t\t<a href=\"https:\/\/www.psib-psoe.org\/mallorca\/el-psib%e2%80%91psoe-denuncia-la-irresponsabilitat-del-consell-proclamen-sostenibilitat-a-berlin-i-hores-despres-impulsen-noves-places-turistiques\/\" class=\"more-link\">Read More<\/a>\n\t\t<\/div>\n\t\t\t<aside class=\"post-bottom-meta hide\">\n\t\t<strong rel=\"author\" itemprop=\"author\" class=\"author vcard\"><span class=\"fn\">Albert<\/span><\/strong>\n\t\t<time class=\"date published time\" datetime=\"2026-03-07T11:52:12+02:00\" itemprop=\"datePublished\" content=\"2026-03-07T11:52:12+02:00\">2 mesos ago<\/time>\n\t\t<meta itemprop=\"dateModified\" class=\"date updated\" content=\"2026-03-07T11:52:24+02:00\">\n\t\t<span class=\"hide\" itemprop=\"publisher\" itemscope itemtype=\"https:\/\/schema.org\/Organization\">\n\t\t\t<meta itemprop=\"name\" content=\"SocialistesdMca\">\n\t\t\t<span itemprop=\"logo\" itemscope itemtype=\"https:\/\/schema.org\/ImageObject\">\n\t\t\t\t<meta itemprop=\"url\" content=\"https:\/\/www.psib-psoe.org\/mallorca\/wp-content\/themes\/notio-wp\/assets\/img\/logo.png\">\n\t\t\t<\/span>\n\t\t\t<meta itemprop=\"url\" content=\"https:\/\/www.psib-psoe.org\/mallorca\/\">\n\t\t<\/span>\n\t\t\t\t<span class=\"hide\" itemprop=\"image\" itemscope itemtype=\"http:\/\/schema.org\/ImageObject\">\n\t\t\t<meta itemprop=\"url\" content=\"https:\/\/www.psib-psoe.org\/mallorca\/wp-content\/uploads\/Joana-Maria-Adrover-2.jpg\">\n\t\t\t<meta itemprop=\"width\" content=\"1066\">\n\t\t\t<meta itemprop=\"height\" content=\"1600\">\n\t\t<\/span>\n\t\t\t\t<meta itemscope itemprop=\"mainEntityOfPage\" itemtype=\"https:\/\/schema.org\/WebPage\" itemid=\"https:\/\/www.psib-psoe.org\/mallorca\/el-psib%e2%80%91psoe-denuncia-la-irresponsabilitat-del-consell-proclamen-sostenibilitat-a-berlin-i-hores-despres-impulsen-noves-places-turistiques\/\">\n\t<\/aside>\n\t\t<\/article>\n<\/div>\n<div class=\"small-12 large-4 columns\">\n\t<article itemscope itemtype=\"http:\/\/schema.org\/Article\" class=\"post blog-style7 alt post-31050 type-post status-publish format-standard has-post-thumbnail hentry category-federacio-de-mallorca category-federacio-de-mallorca-portada category-municipis category-portada tag-amanda-fernandez tag-ares-fernandez tag-catalina-cladera tag-consell-de-mallorca tag-federacio-socialista-de-mallorca tag-jaume-mateu tag-joan-ferrer tag-sofia-alonso\" role=\"article\">\n\t\t<figure class=\"post-gallery\"><img loading=\"lazy\" decoding=\"async\" width=\"600\" height=\"400\" src=\"https:\/\/www.psib-psoe.org\/mallorca\/wp-content\/uploads\/Reunio-FSM-8M-600x400.jpeg\" class=\"attachment-notio-general-x2 size-notio-general-x2 wp-post-image\" alt=\"\" srcset=\"https:\/\/www.psib-psoe.org\/mallorca\/wp-content\/uploads\/Reunio-FSM-8M-600x400.jpeg 600w, https:\/\/www.psib-psoe.org\/mallorca\/wp-content\/uploads\/Reunio-FSM-8M-300x200.jpeg 300w, https:\/\/www.psib-psoe.org\/mallorca\/wp-content\/uploads\/Reunio-FSM-8M-900x600.jpeg 900w, https:\/\/www.psib-psoe.org\/mallorca\/wp-content\/uploads\/Reunio-FSM-8M-20x13.jpeg 20w\" sizes=\"(max-width: 600px) 100vw, 600px\" \/><\/figure>\n\t\t<div class=\"blog-top\">\n\t\t\t<header class=\"post-title entry-header\">\n\t\t\t\t<aside class=\"post-meta cf\">\n\t\t06\/03\/2026 \/ <a href=\"https:\/\/www.psib-psoe.org\/mallorca\/category\/federacio-de-mallorca\/\" rel=\"category tag\">Federaci\u00f3 de Mallorca<\/a>, <a href=\"https:\/\/www.psib-psoe.org\/mallorca\/category\/federacio-de-mallorca-portada\/\" rel=\"category tag\">Federaci\u00f3 de Mallorca - Portada<\/a>, <a href=\"https:\/\/www.psib-psoe.org\/mallorca\/category\/municipis\/\" rel=\"category tag\">Municipis<\/a>, <a href=\"https:\/\/www.psib-psoe.org\/mallorca\/category\/portada\/\" rel=\"category tag\">Portada<\/a><\/aside>\n\t\t\t\t<h3 itemprop=\"headline\"><a href=\"https:\/\/www.psib-psoe.org\/mallorca\/els-socialistes-assenyalen-el-masclisme-i-el-seu-blanquejament-com-una-de-les-principals-amenaces-contra-la-democracia-la-igualtat-i-la-convivencia-en-aquest-8m\/\" title=\"Les i els Socialistes assenyalen \u201cel masclisme i el seu blanquejament\u201d com una de les \u201cprincipals amenaces contra la democr\u00e0cia, la igualtat i la conviv\u00e8ncia\u201d en aquest 8M.\">Les i els Socialistes assenyalen \u201cel masclisme i el seu blanquejament\u201d com una de les \u201cprincipals amenaces contra la democr\u00e0cia, la igualtat i la conviv\u00e8ncia\u201d en aquest 8M.<\/a><\/h3>\n\t\t\t<\/header>\n\t\t<\/div>\n\t\t<div class=\"post-content\">\n\t\t\t<a href=\"https:\/\/www.psib-psoe.org\/mallorca\/els-socialistes-assenyalen-el-masclisme-i-el-seu-blanquejament-com-una-de-les-principals-amenaces-contra-la-democracia-la-igualtat-i-la-convivencia-en-aquest-8m\/\" class=\"more-link\">Read More<\/a>\n\t\t<\/div>\n\t\t\t<aside class=\"post-bottom-meta hide\">\n\t\t<strong rel=\"author\" itemprop=\"author\" class=\"author vcard\"><span class=\"fn\">Albert<\/span><\/strong>\n\t\t<time class=\"date published time\" datetime=\"2026-03-06T18:39:20+02:00\" itemprop=\"datePublished\" content=\"2026-03-06T18:39:20+02:00\">2 mesos ago<\/time>\n\t\t<meta itemprop=\"dateModified\" class=\"date updated\" content=\"2026-03-07T11:42:38+02:00\">\n\t\t<span class=\"hide\" itemprop=\"publisher\" itemscope itemtype=\"https:\/\/schema.org\/Organization\">\n\t\t\t<meta itemprop=\"name\" content=\"SocialistesdMca\">\n\t\t\t<span itemprop=\"logo\" itemscope itemtype=\"https:\/\/schema.org\/ImageObject\">\n\t\t\t\t<meta itemprop=\"url\" content=\"https:\/\/www.psib-psoe.org\/mallorca\/wp-content\/themes\/notio-wp\/assets\/img\/logo.png\">\n\t\t\t<\/span>\n\t\t\t<meta itemprop=\"url\" content=\"https:\/\/www.psib-psoe.org\/mallorca\/\">\n\t\t<\/span>\n\t\t\t\t<span class=\"hide\" itemprop=\"image\" itemscope itemtype=\"http:\/\/schema.org\/ImageObject\">\n\t\t\t<meta itemprop=\"url\" content=\"https:\/\/www.psib-psoe.org\/mallorca\/wp-content\/uploads\/Reunio-FSM-8M.jpeg\">\n\t\t\t<meta itemprop=\"width\" content=\"2560\">\n\t\t\t<meta itemprop=\"height\" content=\"1920\">\n\t\t<\/span>\n\t\t\t\t<meta itemscope itemprop=\"mainEntityOfPage\" itemtype=\"https:\/\/schema.org\/WebPage\" itemid=\"https:\/\/www.psib-psoe.org\/mallorca\/els-socialistes-assenyalen-el-masclisme-i-el-seu-blanquejament-com-una-de-les-principals-amenaces-contra-la-democracia-la-igualtat-i-la-convivencia-en-aquest-8m\/\">\n\t<\/aside>\n\t\t<\/article>\n<\/div>\n<div class=\"small-12 large-4 columns\">\n\t<article itemscope itemtype=\"http:\/\/schema.org\/Article\" class=\"post blog-style7 alt post-31051 type-post status-publish format-standard has-post-thumbnail hentry category-federacio-de-mallorca category-federacio-de-mallorca-portada category-municipis category-portada tag-amanda-fernandez tag-ares-fernandez tag-catalina-cladera tag-consell-de-mallorca tag-federacio-socialista-de-mallorca tag-jaume-mateu tag-joan-ferrer tag-sofia-alonso\" role=\"article\">\n\t\t<figure class=\"post-gallery\"><img loading=\"lazy\" decoding=\"async\" width=\"600\" height=\"400\" src=\"https:\/\/www.psib-psoe.org\/mallorca\/wp-content\/uploads\/rdp-050326-600x400.jpeg\" class=\"attachment-notio-general-x2 size-notio-general-x2 wp-post-image\" alt=\"\" srcset=\"https:\/\/www.psib-psoe.org\/mallorca\/wp-content\/uploads\/rdp-050326-600x400.jpeg 600w, https:\/\/www.psib-psoe.org\/mallorca\/wp-content\/uploads\/rdp-050326-300x200.jpeg 300w, https:\/\/www.psib-psoe.org\/mallorca\/wp-content\/uploads\/rdp-050326-900x600.jpeg 900w, https:\/\/www.psib-psoe.org\/mallorca\/wp-content\/uploads\/rdp-050326-20x13.jpeg 20w\" sizes=\"(max-width: 600px) 100vw, 600px\" \/><\/figure>\n\t\t<div class=\"blog-top\">\n\t\t\t<header class=\"post-title entry-header\">\n\t\t\t\t<aside class=\"post-meta cf\">\n\t\t05\/03\/2026 \/ <a href=\"https:\/\/www.psib-psoe.org\/mallorca\/category\/federacio-de-mallorca\/\" rel=\"category tag\">Federaci\u00f3 de Mallorca<\/a>, <a href=\"https:\/\/www.psib-psoe.org\/mallorca\/category\/federacio-de-mallorca-portada\/\" rel=\"category tag\">Federaci\u00f3 de Mallorca - Portada<\/a>, <a href=\"https:\/\/www.psib-psoe.org\/mallorca\/category\/municipis\/\" rel=\"category tag\">Municipis<\/a>, <a href=\"https:\/\/www.psib-psoe.org\/mallorca\/category\/portada\/\" rel=\"category tag\">Portada<\/a><\/aside>\n\t\t\t\t<h3 itemprop=\"headline\"><a href=\"https:\/\/www.psib-psoe.org\/mallorca\/els-socialistes-defensen-la-mobilitat-sostenible-a-mallorca-en-contraposicio-a-laposta-unica-per-lasfalt-i-el-vehicle-privat-del-pp\/\" title=\"Els Socialistes defensen la mobilitat sostenible a Mallorca en contraposici\u00f3 a l\u2019aposta \u00fanica per l\u2019asfalt i el vehicle privat del PP.\">Els Socialistes defensen la mobilitat sostenible a Mallorca en contraposici\u00f3 a l\u2019aposta \u00fanica per l\u2019asfalt i el vehicle privat del PP.<\/a><\/h3>\n\t\t\t<\/header>\n\t\t<\/div>\n\t\t<div class=\"post-content\">\n\t\t\t<a href=\"https:\/\/www.psib-psoe.org\/mallorca\/els-socialistes-defensen-la-mobilitat-sostenible-a-mallorca-en-contraposicio-a-laposta-unica-per-lasfalt-i-el-vehicle-privat-del-pp\/\" class=\"more-link\">Read More<\/a>\n\t\t<\/div>\n\t\t\t<aside class=\"post-bottom-meta hide\">\n\t\t<strong rel=\"author\" itemprop=\"author\" class=\"author vcard\"><span class=\"fn\">Albert<\/span><\/strong>\n\t\t<time class=\"date published time\" datetime=\"2026-03-05T15:45:27+02:00\" itemprop=\"datePublished\" content=\"2026-03-05T15:45:27+02:00\">2 mesos ago<\/time>\n\t\t<meta itemprop=\"dateModified\" class=\"date updated\" content=\"2026-03-05T15:45:39+02:00\">\n\t\t<span class=\"hide\" itemprop=\"publisher\" itemscope itemtype=\"https:\/\/schema.org\/Organization\">\n\t\t\t<meta itemprop=\"name\" content=\"SocialistesdMca\">\n\t\t\t<span itemprop=\"logo\" itemscope itemtype=\"https:\/\/schema.org\/ImageObject\">\n\t\t\t\t<meta itemprop=\"url\" content=\"https:\/\/www.psib-psoe.org\/mallorca\/wp-content\/themes\/notio-wp\/assets\/img\/logo.png\">\n\t\t\t<\/span>\n\t\t\t<meta itemprop=\"url\" content=\"https:\/\/www.psib-psoe.org\/mallorca\/\">\n\t\t<\/span>\n\t\t\t\t<span class=\"hide\" itemprop=\"image\" itemscope itemtype=\"http:\/\/schema.org\/ImageObject\">\n\t\t\t<meta itemprop=\"url\" content=\"https:\/\/www.psib-psoe.org\/mallorca\/wp-content\/uploads\/rdp-050326.jpeg\">\n\t\t\t<meta itemprop=\"width\" content=\"2560\">\n\t\t\t<meta itemprop=\"height\" content=\"1920\">\n\t\t<\/span>\n\t\t\t\t<meta itemscope itemprop=\"mainEntityOfPage\" itemtype=\"https:\/\/schema.org\/WebPage\" itemid=\"https:\/\/www.psib-psoe.org\/mallorca\/els-socialistes-defensen-la-mobilitat-sostenible-a-mallorca-en-contraposicio-a-laposta-unica-per-lasfalt-i-el-vehicle-privat-del-pp\/\">\n\t<\/aside>\n\t\t<\/article>\n<\/div>\n<div class=\"small-12 large-4 columns\">\n\t<article itemscope itemtype=\"http:\/\/schema.org\/Article\" class=\"post blog-style7 alt post-31046 type-post status-publish format-standard has-post-thumbnail hentry category-federacio-de-mallorca category-federacio-de-mallorca-portada category-municipis category-portada tag-amanda-fernandez tag-ares-fernandez tag-catalina-cladera tag-consell-de-mallorca tag-federacio-socialista-de-mallorca tag-jaume-mateu tag-joan-ferrer tag-sofia-alonso\" role=\"article\">\n\t\t<figure class=\"post-gallery\"><img loading=\"lazy\" decoding=\"async\" width=\"600\" height=\"400\" src=\"https:\/\/www.psib-psoe.org\/mallorca\/wp-content\/uploads\/Ple-120226-1-600x400.jpeg\" class=\"attachment-notio-general-x2 size-notio-general-x2 wp-post-image\" alt=\"\" srcset=\"https:\/\/www.psib-psoe.org\/mallorca\/wp-content\/uploads\/Ple-120226-1-600x400.jpeg 600w, https:\/\/www.psib-psoe.org\/mallorca\/wp-content\/uploads\/Ple-120226-1-300x200.jpeg 300w, https:\/\/www.psib-psoe.org\/mallorca\/wp-content\/uploads\/Ple-120226-1-900x600.jpeg 900w, https:\/\/www.psib-psoe.org\/mallorca\/wp-content\/uploads\/Ple-120226-1-20x13.jpeg 20w\" sizes=\"(max-width: 600px) 100vw, 600px\" \/><\/figure>\n\t\t<div class=\"blog-top\">\n\t\t\t<header class=\"post-title entry-header\">\n\t\t\t\t<aside class=\"post-meta cf\">\n\t\t04\/03\/2026 \/ <a href=\"https:\/\/www.psib-psoe.org\/mallorca\/category\/federacio-de-mallorca\/\" rel=\"category tag\">Federaci\u00f3 de Mallorca<\/a>, <a href=\"https:\/\/www.psib-psoe.org\/mallorca\/category\/federacio-de-mallorca-portada\/\" rel=\"category tag\">Federaci\u00f3 de Mallorca - Portada<\/a>, <a href=\"https:\/\/www.psib-psoe.org\/mallorca\/category\/municipis\/\" rel=\"category tag\">Municipis<\/a>, <a href=\"https:\/\/www.psib-psoe.org\/mallorca\/category\/portada\/\" rel=\"category tag\">Portada<\/a><\/aside>\n\t\t\t\t<h3 itemprop=\"headline\"><a href=\"https:\/\/www.psib-psoe.org\/mallorca\/el-grup-socialista-critica-lestrategia-de-promocio-turistica-de-mallorca-a-la-itb-2026\/\" title=\"El Grup Socialista critica l\u2019estrat\u00e8gia de promoci\u00f3 tur\u00edstica de Mallorca a la ITB 2026.\">El Grup Socialista critica l\u2019estrat\u00e8gia de promoci\u00f3 tur\u00edstica de Mallorca a la ITB 2026.<\/a><\/h3>\n\t\t\t<\/header>\n\t\t<\/div>\n\t\t<div class=\"post-content\">\n\t\t\t<a href=\"https:\/\/www.psib-psoe.org\/mallorca\/el-grup-socialista-critica-lestrategia-de-promocio-turistica-de-mallorca-a-la-itb-2026\/\" class=\"more-link\">Read More<\/a>\n\t\t<\/div>\n\t\t\t<aside class=\"post-bottom-meta hide\">\n\t\t<strong rel=\"author\" itemprop=\"author\" class=\"author vcard\"><span class=\"fn\">Albert<\/span><\/strong>\n\t\t<time class=\"date published time\" datetime=\"2026-03-04T12:42:08+02:00\" itemprop=\"datePublished\" content=\"2026-03-04T12:42:08+02:00\">2 mesos ago<\/time>\n\t\t<meta itemprop=\"dateModified\" class=\"date updated\" content=\"2026-03-04T12:42:21+02:00\">\n\t\t<span class=\"hide\" itemprop=\"publisher\" itemscope itemtype=\"https:\/\/schema.org\/Organization\">\n\t\t\t<meta itemprop=\"name\" content=\"SocialistesdMca\">\n\t\t\t<span itemprop=\"logo\" itemscope itemtype=\"https:\/\/schema.org\/ImageObject\">\n\t\t\t\t<meta itemprop=\"url\" content=\"https:\/\/www.psib-psoe.org\/mallorca\/wp-content\/themes\/notio-wp\/assets\/img\/logo.png\">\n\t\t\t<\/span>\n\t\t\t<meta itemprop=\"url\" content=\"https:\/\/www.psib-psoe.org\/mallorca\/\">\n\t\t<\/span>\n\t\t\t\t<span class=\"hide\" itemprop=\"image\" itemscope itemtype=\"http:\/\/schema.org\/ImageObject\">\n\t\t\t<meta itemprop=\"url\" content=\"https:\/\/www.psib-psoe.org\/mallorca\/wp-content\/uploads\/Ple-120226-1.jpeg\">\n\t\t\t<meta itemprop=\"width\" content=\"1600\">\n\t\t\t<meta itemprop=\"height\" content=\"1200\">\n\t\t<\/span>\n\t\t\t\t<meta itemscope itemprop=\"mainEntityOfPage\" itemtype=\"https:\/\/schema.org\/WebPage\" itemid=\"https:\/\/www.psib-psoe.org\/mallorca\/el-grup-socialista-critica-lestrategia-de-promocio-turistica-de-mallorca-a-la-itb-2026\/\">\n\t<\/aside>\n\t\t<\/article>\n<\/div>\n<div class=\"small-12 large-4 columns\">\n\t<article itemscope itemtype=\"http:\/\/schema.org\/Article\" class=\"post blog-style7 alt post-31044 type-post status-publish format-standard has-post-thumbnail hentry category-federacio-de-mallorca tag-federacio-socialista-de-mallorca\" role=\"article\">\n\t\t<figure class=\"post-gallery\"><img loading=\"lazy\" decoding=\"async\" width=\"600\" height=\"400\" src=\"https:\/\/www.psib-psoe.org\/mallorca\/wp-content\/uploads\/foto-amanda-fernandez-1000x639-1-600x400.png\" class=\"attachment-notio-general-x2 size-notio-general-x2 wp-post-image\" alt=\"\" srcset=\"https:\/\/www.psib-psoe.org\/mallorca\/wp-content\/uploads\/foto-amanda-fernandez-1000x639-1-600x400.png 600w, https:\/\/www.psib-psoe.org\/mallorca\/wp-content\/uploads\/foto-amanda-fernandez-1000x639-1-300x200.png 300w, https:\/\/www.psib-psoe.org\/mallorca\/wp-content\/uploads\/foto-amanda-fernandez-1000x639-1-20x13.png 20w, https:\/\/www.psib-psoe.org\/mallorca\/wp-content\/uploads\/foto-amanda-fernandez-1000x639-1-900x600.png 900w\" sizes=\"(max-width: 600px) 100vw, 600px\" \/><\/figure>\n\t\t<div class=\"blog-top\">\n\t\t\t<header class=\"post-title entry-header\">\n\t\t\t\t<aside class=\"post-meta cf\">\n\t\t03\/03\/2026 \/ <a href=\"https:\/\/www.psib-psoe.org\/mallorca\/category\/federacio-de-mallorca\/\" rel=\"category tag\">Federaci\u00f3 de Mallorca<\/a><\/aside>\n\t\t\t\t<h3 itemprop=\"headline\"><a href=\"https:\/\/www.psib-psoe.org\/mallorca\/el-psib-psoe-lamenta-el-tancament-dagama-mentre-el-conseller-dagricultura-promociona-el-camp-com-a-activitat-turistica-a-berlin\/\" title=\"El PSIB-PSOE lamenta el tancament d\u2019Agama, mentre el conseller d\u2019agricultura promociona el camp com a activitat tur\u00edstica, a Berl\u00edn\">El PSIB-PSOE lamenta el tancament d\u2019Agama, mentre el conseller d\u2019agricultura promociona el camp com a activitat tur\u00edstica, a Berl\u00edn<\/a><\/h3>\n\t\t\t<\/header>\n\t\t<\/div>\n\t\t<div class=\"post-content\">\n\t\t\t<a href=\"https:\/\/www.psib-psoe.org\/mallorca\/el-psib-psoe-lamenta-el-tancament-dagama-mentre-el-conseller-dagricultura-promociona-el-camp-com-a-activitat-turistica-a-berlin\/\" class=\"more-link\">Read More<\/a>\n\t\t<\/div>\n\t\t\t<aside class=\"post-bottom-meta hide\">\n\t\t<strong rel=\"author\" itemprop=\"author\" class=\"author vcard\"><span class=\"fn\">adminpsib<\/span><\/strong>\n\t\t<time class=\"date published time\" datetime=\"2026-03-03T18:43:14+02:00\" itemprop=\"datePublished\" content=\"2026-03-03T18:43:14+02:00\">2 mesos ago<\/time>\n\t\t<meta itemprop=\"dateModified\" class=\"date updated\" content=\"2026-03-03T18:43:14+02:00\">\n\t\t<span class=\"hide\" itemprop=\"publisher\" itemscope itemtype=\"https:\/\/schema.org\/Organization\">\n\t\t\t<meta itemprop=\"name\" content=\"SocialistesdMca\">\n\t\t\t<span itemprop=\"logo\" itemscope itemtype=\"https:\/\/schema.org\/ImageObject\">\n\t\t\t\t<meta itemprop=\"url\" content=\"https:\/\/www.psib-psoe.org\/mallorca\/wp-content\/themes\/notio-wp\/assets\/img\/logo.png\">\n\t\t\t<\/span>\n\t\t\t<meta itemprop=\"url\" content=\"https:\/\/www.psib-psoe.org\/mallorca\/\">\n\t\t<\/span>\n\t\t\t\t<span class=\"hide\" itemprop=\"image\" itemscope itemtype=\"http:\/\/schema.org\/ImageObject\">\n\t\t\t<meta itemprop=\"url\" content=\"https:\/\/www.psib-psoe.org\/mallorca\/wp-content\/uploads\/foto-amanda-fernandez-1000x639-1.png\">\n\t\t\t<meta itemprop=\"width\" content=\"1000\">\n\t\t\t<meta itemprop=\"height\" content=\"639\">\n\t\t<\/span>\n\t\t\t\t<meta itemscope itemprop=\"mainEntityOfPage\" itemtype=\"https:\/\/schema.org\/WebPage\" itemid=\"https:\/\/www.psib-psoe.org\/mallorca\/el-psib-psoe-lamenta-el-tancament-dagama-mentre-el-conseller-dagricultura-promociona-el-camp-com-a-activitat-turistica-a-berlin\/\">\n\t<\/aside>\n\t\t<\/article>\n<\/div>\n<div class=\"small-12 large-4 columns\">\n\t<article itemscope itemtype=\"http:\/\/schema.org\/Article\" class=\"post blog-style7 alt post-31039 type-post status-publish format-standard has-post-thumbnail hentry category-federacio-de-mallorca category-federacio-de-mallorca-portada category-municipis category-portada tag-amanda-fernandez tag-ares-fernandez tag-catalina-cladera tag-consell-de-mallorca tag-federacio-socialista-de-mallorca tag-jaume-mateu tag-joan-ferrer tag-sofia-alonso\" role=\"article\">\n\t\t<figure class=\"post-gallery\"><img loading=\"lazy\" decoding=\"async\" width=\"600\" height=\"400\" src=\"https:\/\/www.psib-psoe.org\/mallorca\/wp-content\/uploads\/rdp-270226-600x400.jpeg\" class=\"attachment-notio-general-x2 size-notio-general-x2 wp-post-image\" alt=\"\" srcset=\"https:\/\/www.psib-psoe.org\/mallorca\/wp-content\/uploads\/rdp-270226-600x400.jpeg 600w, https:\/\/www.psib-psoe.org\/mallorca\/wp-content\/uploads\/rdp-270226-300x200.jpeg 300w, https:\/\/www.psib-psoe.org\/mallorca\/wp-content\/uploads\/rdp-270226-900x600.jpeg 900w, https:\/\/www.psib-psoe.org\/mallorca\/wp-content\/uploads\/rdp-270226-20x13.jpeg 20w\" sizes=\"(max-width: 600px) 100vw, 600px\" \/><\/figure>\n\t\t<div class=\"blog-top\">\n\t\t\t<header class=\"post-title entry-header\">\n\t\t\t\t<aside class=\"post-meta cf\">\n\t\t27\/02\/2026 \/ <a href=\"https:\/\/www.psib-psoe.org\/mallorca\/category\/federacio-de-mallorca\/\" rel=\"category tag\">Federaci\u00f3 de Mallorca<\/a>, <a href=\"https:\/\/www.psib-psoe.org\/mallorca\/category\/federacio-de-mallorca-portada\/\" rel=\"category tag\">Federaci\u00f3 de Mallorca - Portada<\/a>, <a href=\"https:\/\/www.psib-psoe.org\/mallorca\/category\/municipis\/\" rel=\"category tag\">Municipis<\/a>, <a href=\"https:\/\/www.psib-psoe.org\/mallorca\/category\/portada\/\" rel=\"category tag\">Portada<\/a><\/aside>\n\t\t\t\t<h3 itemprop=\"headline\"><a href=\"https:\/\/www.psib-psoe.org\/mallorca\/el-psib-psoe-adverteix-que-el-pp-condueix-mallorca-cap-al-collapse-i-exigeix-aprovar-ja-la-llei-de-limitacio-dentrada-de-vehicles\/\" title=\"El PSIB-PSOE adverteix que el PP condueix Mallorca cap al col\u00b7lapse i exigeix aprovar ja la llei de limitaci\u00f3 d\u2019entrada de vehicles\">El PSIB-PSOE adverteix que el PP condueix Mallorca cap al col\u00b7lapse i exigeix aprovar ja la llei de limitaci\u00f3 d\u2019entrada de vehicles<\/a><\/h3>\n\t\t\t<\/header>\n\t\t<\/div>\n\t\t<div class=\"post-content\">\n\t\t\t<a href=\"https:\/\/www.psib-psoe.org\/mallorca\/el-psib-psoe-adverteix-que-el-pp-condueix-mallorca-cap-al-collapse-i-exigeix-aprovar-ja-la-llei-de-limitacio-dentrada-de-vehicles\/\" class=\"more-link\">Read More<\/a>\n\t\t<\/div>\n\t\t\t<aside class=\"post-bottom-meta hide\">\n\t\t<strong rel=\"author\" itemprop=\"author\" class=\"author vcard\"><span class=\"fn\">Albert<\/span><\/strong>\n\t\t<time class=\"date published time\" datetime=\"2026-02-27T15:01:34+02:00\" itemprop=\"datePublished\" content=\"2026-02-27T15:01:34+02:00\">27\/02\/2026<\/time>\n\t\t<meta itemprop=\"dateModified\" class=\"date updated\" content=\"2026-02-27T15:01:47+02:00\">\n\t\t<span class=\"hide\" itemprop=\"publisher\" itemscope itemtype=\"https:\/\/schema.org\/Organization\">\n\t\t\t<meta itemprop=\"name\" content=\"SocialistesdMca\">\n\t\t\t<span itemprop=\"logo\" itemscope itemtype=\"https:\/\/schema.org\/ImageObject\">\n\t\t\t\t<meta itemprop=\"url\" content=\"https:\/\/www.psib-psoe.org\/mallorca\/wp-content\/themes\/notio-wp\/assets\/img\/logo.png\">\n\t\t\t<\/span>\n\t\t\t<meta itemprop=\"url\" content=\"https:\/\/www.psib-psoe.org\/mallorca\/\">\n\t\t<\/span>\n\t\t\t\t<span class=\"hide\" itemprop=\"image\" itemscope itemtype=\"http:\/\/schema.org\/ImageObject\">\n\t\t\t<meta itemprop=\"url\" content=\"https:\/\/www.psib-psoe.org\/mallorca\/wp-content\/uploads\/rdp-270226.jpeg\">\n\t\t\t<meta itemprop=\"width\" content=\"2560\">\n\t\t\t<meta itemprop=\"height\" content=\"1920\">\n\t\t<\/span>\n\t\t\t\t<meta itemscope itemprop=\"mainEntityOfPage\" itemtype=\"https:\/\/schema.org\/WebPage\" itemid=\"https:\/\/www.psib-psoe.org\/mallorca\/el-psib-psoe-adverteix-que-el-pp-condueix-mallorca-cap-al-collapse-i-exigeix-aprovar-ja-la-llei-de-limitacio-dentrada-de-vehicles\/\">\n\t<\/aside>\n\t\t<\/article>\n<\/div>\n<div class=\"small-12 large-4 columns\">\n\t<article itemscope itemtype=\"http:\/\/schema.org\/Article\" class=\"post blog-style7 alt post-31034 type-post status-publish format-standard has-post-thumbnail hentry category-federacio-de-mallorca category-federacio-de-mallorca-portada category-portada tag-estellencs tag-federacio-socialista-de-mallorca tag-maria-de-la-salut\" role=\"article\">\n\t\t<figure class=\"post-gallery\"><img loading=\"lazy\" decoding=\"async\" width=\"600\" height=\"400\" src=\"https:\/\/www.psib-psoe.org\/mallorca\/wp-content\/uploads\/260226_Assemblea-Maria-de-la-Salut-1-600x400.jpg\" class=\"attachment-notio-general-x2 size-notio-general-x2 wp-post-image\" alt=\"\" srcset=\"https:\/\/www.psib-psoe.org\/mallorca\/wp-content\/uploads\/260226_Assemblea-Maria-de-la-Salut-1-600x400.jpg 600w, https:\/\/www.psib-psoe.org\/mallorca\/wp-content\/uploads\/260226_Assemblea-Maria-de-la-Salut-1-300x200.jpg 300w, https:\/\/www.psib-psoe.org\/mallorca\/wp-content\/uploads\/260226_Assemblea-Maria-de-la-Salut-1-900x600.jpg 900w, https:\/\/www.psib-psoe.org\/mallorca\/wp-content\/uploads\/260226_Assemblea-Maria-de-la-Salut-1-20x13.jpg 20w\" sizes=\"(max-width: 600px) 100vw, 600px\" \/><\/figure>\n\t\t<div class=\"blog-top\">\n\t\t\t<header class=\"post-title entry-header\">\n\t\t\t\t<aside class=\"post-meta cf\">\n\t\t27\/02\/2026 \/ <a href=\"https:\/\/www.psib-psoe.org\/mallorca\/category\/federacio-de-mallorca\/\" rel=\"category tag\">Federaci\u00f3 de Mallorca<\/a>, <a href=\"https:\/\/www.psib-psoe.org\/mallorca\/category\/federacio-de-mallorca-portada\/\" rel=\"category tag\">Federaci\u00f3 de Mallorca - Portada<\/a>, <a href=\"https:\/\/www.psib-psoe.org\/mallorca\/category\/portada\/\" rel=\"category tag\">Portada<\/a><\/aside>\n\t\t\t\t<h3 itemprop=\"headline\"><a href=\"https:\/\/www.psib-psoe.org\/mallorca\/els-socialistes-de-mallorca-denuncien-el-retorn-del-pp-als-pelotazos-urbanistics-i-alerten-de-lespeculacio-a-maria-de-la-salut-i-estellencs\/\" title=\"Els Socialistes de Mallorca denuncien el retorn del PP als &#8220;pelotazos urban\u00edstics&#8221; i alerten de l\u2019especulaci\u00f3 a Maria de la Salut i Estellencs\">Els Socialistes de Mallorca denuncien el retorn del PP als &#8220;pelotazos urban\u00edstics&#8221; i alerten de l\u2019especulaci\u00f3 a Maria de la Salut i Estellencs<\/a><\/h3>\n\t\t\t<\/header>\n\t\t<\/div>\n\t\t<div class=\"post-content\">\n\t\t\t<a href=\"https:\/\/www.psib-psoe.org\/mallorca\/els-socialistes-de-mallorca-denuncien-el-retorn-del-pp-als-pelotazos-urbanistics-i-alerten-de-lespeculacio-a-maria-de-la-salut-i-estellencs\/\" class=\"more-link\">Read More<\/a>\n\t\t<\/div>\n\t\t\t<aside class=\"post-bottom-meta hide\">\n\t\t<strong rel=\"author\" itemprop=\"author\" class=\"author vcard\"><span class=\"fn\">Marc<\/span><\/strong>\n\t\t<time class=\"date published time\" datetime=\"2026-02-27T12:33:26+02:00\" itemprop=\"datePublished\" content=\"2026-02-27T12:33:26+02:00\">27\/02\/2026<\/time>\n\t\t<meta itemprop=\"dateModified\" class=\"date updated\" content=\"2026-02-27T12:33:37+02:00\">\n\t\t<span class=\"hide\" itemprop=\"publisher\" itemscope itemtype=\"https:\/\/schema.org\/Organization\">\n\t\t\t<meta itemprop=\"name\" content=\"SocialistesdMca\">\n\t\t\t<span itemprop=\"logo\" itemscope itemtype=\"https:\/\/schema.org\/ImageObject\">\n\t\t\t\t<meta itemprop=\"url\" content=\"https:\/\/www.psib-psoe.org\/mallorca\/wp-content\/themes\/notio-wp\/assets\/img\/logo.png\">\n\t\t\t<\/span>\n\t\t\t<meta itemprop=\"url\" content=\"https:\/\/www.psib-psoe.org\/mallorca\/\">\n\t\t<\/span>\n\t\t\t\t<span class=\"hide\" itemprop=\"image\" itemscope itemtype=\"http:\/\/schema.org\/ImageObject\">\n\t\t\t<meta itemprop=\"url\" content=\"https:\/\/www.psib-psoe.org\/mallorca\/wp-content\/uploads\/260226_Assemblea-Maria-de-la-Salut-1-scaled.jpg\">\n\t\t\t<meta itemprop=\"width\" content=\"2560\">\n\t\t\t<meta itemprop=\"height\" content=\"1920\">\n\t\t<\/span>\n\t\t\t\t<meta itemscope itemprop=\"mainEntityOfPage\" itemtype=\"https:\/\/schema.org\/WebPage\" itemid=\"https:\/\/www.psib-psoe.org\/mallorca\/els-socialistes-de-mallorca-denuncien-el-retorn-del-pp-als-pelotazos-urbanistics-i-alerten-de-lespeculacio-a-maria-de-la-salut-i-estellencs\/\">\n\t<\/aside>\n\t\t<\/article>\n<\/div>\n<div class=\"small-12 large-4 columns\">\n\t<article itemscope itemtype=\"http:\/\/schema.org\/Article\" class=\"post blog-style7 alt post-31031 type-post status-publish format-standard has-post-thumbnail hentry category-consell-de-mallorca category-federacio-de-mallorca category-federacio-de-mallorca-portada category-portada tag-agrupacio-socialista-dandratx tag-amanda-fernandez tag-antoni-mir tag-ares-fernandez tag-consell-de-mallorca tag-enaitz-inan tag-federacio-socialista-de-mallorca tag-joan-mendez tag-tolo-aguilar\" role=\"article\">\n\t\t<figure class=\"post-gallery\"><img loading=\"lazy\" decoding=\"async\" width=\"600\" height=\"400\" src=\"https:\/\/www.psib-psoe.org\/mallorca\/wp-content\/uploads\/Ple-Andratx-1-600x400.jpeg\" class=\"attachment-notio-general-x2 size-notio-general-x2 wp-post-image\" alt=\"\" srcset=\"https:\/\/www.psib-psoe.org\/mallorca\/wp-content\/uploads\/Ple-Andratx-1-600x400.jpeg 600w, https:\/\/www.psib-psoe.org\/mallorca\/wp-content\/uploads\/Ple-Andratx-1-300x200.jpeg 300w, https:\/\/www.psib-psoe.org\/mallorca\/wp-content\/uploads\/Ple-Andratx-1-900x600.jpeg 900w, https:\/\/www.psib-psoe.org\/mallorca\/wp-content\/uploads\/Ple-Andratx-1-20x13.jpeg 20w\" sizes=\"(max-width: 600px) 100vw, 600px\" \/><\/figure>\n\t\t<div class=\"blog-top\">\n\t\t\t<header class=\"post-title entry-header\">\n\t\t\t\t<aside class=\"post-meta cf\">\n\t\t27\/02\/2026 \/ <a href=\"https:\/\/www.psib-psoe.org\/mallorca\/category\/consell-de-mallorca\/\" rel=\"category tag\">Consell de Mallorca<\/a>, <a href=\"https:\/\/www.psib-psoe.org\/mallorca\/category\/federacio-de-mallorca\/\" rel=\"category tag\">Federaci\u00f3 de Mallorca<\/a>, <a href=\"https:\/\/www.psib-psoe.org\/mallorca\/category\/federacio-de-mallorca-portada\/\" rel=\"category tag\">Federaci\u00f3 de Mallorca - Portada<\/a>, <a href=\"https:\/\/www.psib-psoe.org\/mallorca\/category\/portada\/\" rel=\"category tag\">Portada<\/a><\/aside>\n\t\t\t\t<h3 itemprop=\"headline\"><a href=\"https:\/\/www.psib-psoe.org\/mallorca\/els-socialistes-dandratx-afirmen-que-la-batlessa-gonzalvo-pp-defrauda-als-ciutadans-per-no-promoure-nou-habitatge-social\/\" title=\"Els Socialistes d\u2019Andratx afirmen que la batlessa Gonzalvo (PP) \u201cdefrauda als ciutadans\u201d per no promoure nou habitatge social.\">Els Socialistes d\u2019Andratx afirmen que la batlessa Gonzalvo (PP) \u201cdefrauda als ciutadans\u201d per no promoure nou habitatge social.<\/a><\/h3>\n\t\t\t<\/header>\n\t\t<\/div>\n\t\t<div class=\"post-content\">\n\t\t\t<a href=\"https:\/\/www.psib-psoe.org\/mallorca\/els-socialistes-dandratx-afirmen-que-la-batlessa-gonzalvo-pp-defrauda-als-ciutadans-per-no-promoure-nou-habitatge-social\/\" class=\"more-link\">Read More<\/a>\n\t\t<\/div>\n\t\t\t<aside class=\"post-bottom-meta hide\">\n\t\t<strong rel=\"author\" itemprop=\"author\" class=\"author vcard\"><span class=\"fn\">Albert<\/span><\/strong>\n\t\t<time class=\"date published time\" datetime=\"2026-02-27T01:45:27+02:00\" itemprop=\"datePublished\" content=\"2026-02-27T01:45:27+02:00\">27\/02\/2026<\/time>\n\t\t<meta itemprop=\"dateModified\" class=\"date updated\" content=\"2026-02-27T01:45:38+02:00\">\n\t\t<span class=\"hide\" itemprop=\"publisher\" itemscope itemtype=\"https:\/\/schema.org\/Organization\">\n\t\t\t<meta itemprop=\"name\" content=\"SocialistesdMca\">\n\t\t\t<span itemprop=\"logo\" itemscope itemtype=\"https:\/\/schema.org\/ImageObject\">\n\t\t\t\t<meta itemprop=\"url\" content=\"https:\/\/www.psib-psoe.org\/mallorca\/wp-content\/themes\/notio-wp\/assets\/img\/logo.png\">\n\t\t\t<\/span>\n\t\t\t<meta itemprop=\"url\" content=\"https:\/\/www.psib-psoe.org\/mallorca\/\">\n\t\t<\/span>\n\t\t\t\t<span class=\"hide\" itemprop=\"image\" itemscope itemtype=\"http:\/\/schema.org\/ImageObject\">\n\t\t\t<meta itemprop=\"url\" content=\"https:\/\/www.psib-psoe.org\/mallorca\/wp-content\/uploads\/Ple-Andratx-1.jpeg\">\n\t\t\t<meta itemprop=\"width\" content=\"2048\">\n\t\t\t<meta itemprop=\"height\" content=\"1536\">\n\t\t<\/span>\n\t\t\t\t<meta itemscope itemprop=\"mainEntityOfPage\" itemtype=\"https:\/\/schema.org\/WebPage\" itemid=\"https:\/\/www.psib-psoe.org\/mallorca\/els-socialistes-dandratx-afirmen-que-la-batlessa-gonzalvo-pp-defrauda-als-ciutadans-per-no-promoure-nou-habitatge-social\/\">\n\t<\/aside>\n\t\t<\/article>\n<\/div>\n<div class=\"small-12 large-4 columns\">\n\t<article itemscope itemtype=\"http:\/\/schema.org\/Article\" class=\"post blog-style7 alt post-31029 type-post status-publish format-standard has-post-thumbnail hentry category-federacio-de-mallorca category-federacio-de-mallorca-portada category-municipis category-portada tag-agrupacio-socialista-de-llucmajor tag-amanda-fernandez tag-elsa-herranz tag-federacio-socialista-de-mallorca tag-jaume-j-oliver-2\" role=\"article\">\n\t\t<figure class=\"post-gallery\"><img loading=\"lazy\" decoding=\"async\" width=\"600\" height=\"400\" src=\"https:\/\/www.psib-psoe.org\/mallorca\/wp-content\/uploads\/WhatsApp-Image-2026-02-19-at-07.46.49-600x400.jpeg\" class=\"attachment-notio-general-x2 size-notio-general-x2 wp-post-image\" alt=\"\" srcset=\"https:\/\/www.psib-psoe.org\/mallorca\/wp-content\/uploads\/WhatsApp-Image-2026-02-19-at-07.46.49-600x400.jpeg 600w, https:\/\/www.psib-psoe.org\/mallorca\/wp-content\/uploads\/WhatsApp-Image-2026-02-19-at-07.46.49-300x200.jpeg 300w, https:\/\/www.psib-psoe.org\/mallorca\/wp-content\/uploads\/WhatsApp-Image-2026-02-19-at-07.46.49-900x600.jpeg 900w, https:\/\/www.psib-psoe.org\/mallorca\/wp-content\/uploads\/WhatsApp-Image-2026-02-19-at-07.46.49-20x13.jpeg 20w\" sizes=\"(max-width: 600px) 100vw, 600px\" \/><\/figure>\n\t\t<div class=\"blog-top\">\n\t\t\t<header class=\"post-title entry-header\">\n\t\t\t\t<aside class=\"post-meta cf\">\n\t\t26\/02\/2026 \/ <a href=\"https:\/\/www.psib-psoe.org\/mallorca\/category\/federacio-de-mallorca\/\" rel=\"category tag\">Federaci\u00f3 de Mallorca<\/a>, <a href=\"https:\/\/www.psib-psoe.org\/mallorca\/category\/federacio-de-mallorca-portada\/\" rel=\"category tag\">Federaci\u00f3 de Mallorca - Portada<\/a>, <a href=\"https:\/\/www.psib-psoe.org\/mallorca\/category\/municipis\/\" rel=\"category tag\">Municipis<\/a>, <a href=\"https:\/\/www.psib-psoe.org\/mallorca\/category\/portada\/\" rel=\"category tag\">Portada<\/a><\/aside>\n\t\t\t\t<h3 itemprop=\"headline\"><a href=\"https:\/\/www.psib-psoe.org\/mallorca\/el-servei-de-repartiment-de-menjar-a-domicili-per-persones-en-situacio-de-dependencia-proposat-pel-psib-psoe-en-2023-veu-finalment-la-llum-a-llucmajor\/\" title=\"El servei de repartiment de menjar a domicili per persones en situaci\u00f3 de depend\u00e8ncia proposat pel PSIB-PSOE en 2023 veu finalment la llum a Llucmajor.\">El servei de repartiment de menjar a domicili per persones en situaci\u00f3 de depend\u00e8ncia proposat pel PSIB-PSOE en 2023 veu finalment la llum a Llucmajor.<\/a><\/h3>\n\t\t\t<\/header>\n\t\t<\/div>\n\t\t<div class=\"post-content\">\n\t\t\t<a href=\"https:\/\/www.psib-psoe.org\/mallorca\/el-servei-de-repartiment-de-menjar-a-domicili-per-persones-en-situacio-de-dependencia-proposat-pel-psib-psoe-en-2023-veu-finalment-la-llum-a-llucmajor\/\" class=\"more-link\">Read More<\/a>\n\t\t<\/div>\n\t\t\t<aside class=\"post-bottom-meta hide\">\n\t\t<strong rel=\"author\" itemprop=\"author\" class=\"author vcard\"><span class=\"fn\">Albert<\/span><\/strong>\n\t\t<time class=\"date published time\" datetime=\"2026-02-26T15:19:53+02:00\" itemprop=\"datePublished\" content=\"2026-02-26T15:19:53+02:00\">26\/02\/2026<\/time>\n\t\t<meta itemprop=\"dateModified\" class=\"date updated\" content=\"2026-02-26T15:20:06+02:00\">\n\t\t<span class=\"hide\" itemprop=\"publisher\" itemscope itemtype=\"https:\/\/schema.org\/Organization\">\n\t\t\t<meta itemprop=\"name\" content=\"SocialistesdMca\">\n\t\t\t<span itemprop=\"logo\" itemscope itemtype=\"https:\/\/schema.org\/ImageObject\">\n\t\t\t\t<meta itemprop=\"url\" content=\"https:\/\/www.psib-psoe.org\/mallorca\/wp-content\/themes\/notio-wp\/assets\/img\/logo.png\">\n\t\t\t<\/span>\n\t\t\t<meta itemprop=\"url\" content=\"https:\/\/www.psib-psoe.org\/mallorca\/\">\n\t\t<\/span>\n\t\t\t\t<span class=\"hide\" itemprop=\"image\" itemscope itemtype=\"http:\/\/schema.org\/ImageObject\">\n\t\t\t<meta itemprop=\"url\" content=\"https:\/\/www.psib-psoe.org\/mallorca\/wp-content\/uploads\/WhatsApp-Image-2026-02-19-at-07.46.49.jpeg\">\n\t\t\t<meta itemprop=\"width\" content=\"1290\">\n\t\t\t<meta itemprop=\"height\" content=\"1820\">\n\t\t<\/span>\n\t\t\t\t<meta itemscope itemprop=\"mainEntityOfPage\" itemtype=\"https:\/\/schema.org\/WebPage\" itemid=\"https:\/\/www.psib-psoe.org\/mallorca\/el-servei-de-repartiment-de-menjar-a-domicili-per-persones-en-situacio-de-dependencia-proposat-pel-psib-psoe-en-2023-veu-finalment-la-llum-a-llucmajor\/\">\n\t<\/aside>\n\t\t<\/article>\n<\/div>\n<div class=\"small-12 large-4 columns\">\n\t<article itemscope itemtype=\"http:\/\/schema.org\/Article\" class=\"post blog-style7 alt post-31025 type-post status-publish format-standard has-post-thumbnail hentry category-federacio-de-mallorca category-federacio-de-mallorca-portada category-municipis category-portada tag-amanda-fernandez tag-ares-fernandez tag-catalina-cladera tag-consell-de-mallorca tag-federacio-socialista-de-mallorca tag-jaume-mateu tag-joan-ferrer tag-sofia-alonso\" role=\"article\">\n\t\t<figure class=\"post-gallery\"><img loading=\"lazy\" decoding=\"async\" width=\"600\" height=\"400\" src=\"https:\/\/www.psib-psoe.org\/mallorca\/wp-content\/uploads\/Ple-301225-1-600x400.jpeg\" class=\"attachment-notio-general-x2 size-notio-general-x2 wp-post-image\" alt=\"\" srcset=\"https:\/\/www.psib-psoe.org\/mallorca\/wp-content\/uploads\/Ple-301225-1-600x400.jpeg 600w, https:\/\/www.psib-psoe.org\/mallorca\/wp-content\/uploads\/Ple-301225-1-300x200.jpeg 300w, https:\/\/www.psib-psoe.org\/mallorca\/wp-content\/uploads\/Ple-301225-1-900x600.jpeg 900w, https:\/\/www.psib-psoe.org\/mallorca\/wp-content\/uploads\/Ple-301225-1-20x13.jpeg 20w\" sizes=\"(max-width: 600px) 100vw, 600px\" \/><\/figure>\n\t\t<div class=\"blog-top\">\n\t\t\t<header class=\"post-title entry-header\">\n\t\t\t\t<aside class=\"post-meta cf\">\n\t\t25\/02\/2026 \/ <a href=\"https:\/\/www.psib-psoe.org\/mallorca\/category\/federacio-de-mallorca\/\" rel=\"category tag\">Federaci\u00f3 de Mallorca<\/a>, <a href=\"https:\/\/www.psib-psoe.org\/mallorca\/category\/federacio-de-mallorca-portada\/\" rel=\"category tag\">Federaci\u00f3 de Mallorca - Portada<\/a>, <a href=\"https:\/\/www.psib-psoe.org\/mallorca\/category\/municipis\/\" rel=\"category tag\">Municipis<\/a>, <a href=\"https:\/\/www.psib-psoe.org\/mallorca\/category\/portada\/\" rel=\"category tag\">Portada<\/a><\/aside>\n\t\t\t\t<h3 itemprop=\"headline\"><a href=\"https:\/\/www.psib-psoe.org\/mallorca\/cladera-despres-que-la-justicia-hagi-avalat-el-carril-bus-vao-de-palma-la-politica-de-mobilitat-de-galmes-fa-aigues\/\" title=\"Cladera, despr\u00e9s que la Just\u00edcia hagi avalat el carril Bus Vao de Palma: \u201cla pol\u00edtica de mobilitat de Galm\u00e9s fa aig\u00fces\u201d.\">Cladera, despr\u00e9s que la Just\u00edcia hagi avalat el carril Bus Vao de Palma: \u201cla pol\u00edtica de mobilitat de Galm\u00e9s fa aig\u00fces\u201d.<\/a><\/h3>\n\t\t\t<\/header>\n\t\t<\/div>\n\t\t<div class=\"post-content\">\n\t\t\t<a href=\"https:\/\/www.psib-psoe.org\/mallorca\/cladera-despres-que-la-justicia-hagi-avalat-el-carril-bus-vao-de-palma-la-politica-de-mobilitat-de-galmes-fa-aigues\/\" class=\"more-link\">Read More<\/a>\n\t\t<\/div>\n\t\t\t<aside class=\"post-bottom-meta hide\">\n\t\t<strong rel=\"author\" itemprop=\"author\" class=\"author vcard\"><span class=\"fn\">Albert<\/span><\/strong>\n\t\t<time class=\"date published time\" datetime=\"2026-02-25T15:34:03+02:00\" itemprop=\"datePublished\" content=\"2026-02-25T15:34:03+02:00\">25\/02\/2026<\/time>\n\t\t<meta itemprop=\"dateModified\" class=\"date updated\" content=\"2026-02-25T15:34:15+02:00\">\n\t\t<span class=\"hide\" itemprop=\"publisher\" itemscope itemtype=\"https:\/\/schema.org\/Organization\">\n\t\t\t<meta itemprop=\"name\" content=\"SocialistesdMca\">\n\t\t\t<span itemprop=\"logo\" itemscope itemtype=\"https:\/\/schema.org\/ImageObject\">\n\t\t\t\t<meta itemprop=\"url\" content=\"https:\/\/www.psib-psoe.org\/mallorca\/wp-content\/themes\/notio-wp\/assets\/img\/logo.png\">\n\t\t\t<\/span>\n\t\t\t<meta itemprop=\"url\" content=\"https:\/\/www.psib-psoe.org\/mallorca\/\">\n\t\t<\/span>\n\t\t\t\t<span class=\"hide\" itemprop=\"image\" itemscope itemtype=\"http:\/\/schema.org\/ImageObject\">\n\t\t\t<meta itemprop=\"url\" content=\"https:\/\/www.psib-psoe.org\/mallorca\/wp-content\/uploads\/Ple-301225-1.jpeg\">\n\t\t\t<meta itemprop=\"width\" content=\"1600\">\n\t\t\t<meta itemprop=\"height\" content=\"1200\">\n\t\t<\/span>\n\t\t\t\t<meta itemscope itemprop=\"mainEntityOfPage\" itemtype=\"https:\/\/schema.org\/WebPage\" itemid=\"https:\/\/www.psib-psoe.org\/mallorca\/cladera-despres-que-la-justicia-hagi-avalat-el-carril-bus-vao-de-palma-la-politica-de-mobilitat-de-galmes-fa-aigues\/\">\n\t<\/aside>\n\t\t<\/article>\n<\/div>\n<div class=\"small-12 large-4 columns\">\n\t<article itemscope itemtype=\"http:\/\/schema.org\/Article\" class=\"post blog-style7 alt post-31020 type-post status-publish format-standard has-post-thumbnail hentry category-federacio-de-mallorca category-federacio-de-mallorca-portada category-municipis category-portada tag-amanda-fernandez tag-ares-fernandez tag-catalina-cladera tag-consell-de-mallorca tag-federacio-socialista-de-mallorca tag-jaume-mateu tag-joan-ferrer tag-sofia-alonso\" role=\"article\">\n\t\t<figure class=\"post-gallery\"><img loading=\"lazy\" decoding=\"async\" width=\"600\" height=\"400\" src=\"https:\/\/www.psib-psoe.org\/mallorca\/wp-content\/uploads\/Cladera-ple-600x400.jpeg\" class=\"attachment-notio-general-x2 size-notio-general-x2 wp-post-image\" alt=\"\" srcset=\"https:\/\/www.psib-psoe.org\/mallorca\/wp-content\/uploads\/Cladera-ple-600x400.jpeg 600w, https:\/\/www.psib-psoe.org\/mallorca\/wp-content\/uploads\/Cladera-ple-300x200.jpeg 300w, https:\/\/www.psib-psoe.org\/mallorca\/wp-content\/uploads\/Cladera-ple-1024x682.jpeg 1024w, https:\/\/www.psib-psoe.org\/mallorca\/wp-content\/uploads\/Cladera-ple-768x512.jpeg 768w, https:\/\/www.psib-psoe.org\/mallorca\/wp-content\/uploads\/Cladera-ple-1536x1024.jpeg 1536w, https:\/\/www.psib-psoe.org\/mallorca\/wp-content\/uploads\/Cladera-ple-2048x1365.jpeg 2048w, https:\/\/www.psib-psoe.org\/mallorca\/wp-content\/uploads\/Cladera-ple-150x100.jpeg 150w, https:\/\/www.psib-psoe.org\/mallorca\/wp-content\/uploads\/Cladera-ple-900x600.jpeg 900w, https:\/\/www.psib-psoe.org\/mallorca\/wp-content\/uploads\/Cladera-ple-20x13.jpeg 20w\" sizes=\"(max-width: 600px) 100vw, 600px\" \/><\/figure>\n\t\t<div class=\"blog-top\">\n\t\t\t<header class=\"post-title entry-header\">\n\t\t\t\t<aside class=\"post-meta cf\">\n\t\t24\/02\/2026 \/ <a href=\"https:\/\/www.psib-psoe.org\/mallorca\/category\/federacio-de-mallorca\/\" rel=\"category tag\">Federaci\u00f3 de Mallorca<\/a>, <a href=\"https:\/\/www.psib-psoe.org\/mallorca\/category\/federacio-de-mallorca-portada\/\" rel=\"category tag\">Federaci\u00f3 de Mallorca - Portada<\/a>, <a href=\"https:\/\/www.psib-psoe.org\/mallorca\/category\/municipis\/\" rel=\"category tag\">Municipis<\/a>, <a href=\"https:\/\/www.psib-psoe.org\/mallorca\/category\/portada\/\" rel=\"category tag\">Portada<\/a><\/aside>\n\t\t\t\t<h3 itemprop=\"headline\"><a href=\"https:\/\/www.psib-psoe.org\/mallorca\/el-grup-socialista-forca-el-pronunciament-favorable-del-ple-del-consell-de-mallorca-al-projecte-de-llei-de-limitacio-de-vehicles-i-mobilitat-sostenible\/\" title=\"El Grup Socialista for\u00e7a el pronunciament favorable del ple del Consell de Mallorca al projecte de llei de limitaci\u00f3 de vehicles i mobilitat sostenible.\">El Grup Socialista for\u00e7a el pronunciament favorable del ple del Consell de Mallorca al projecte de llei de limitaci\u00f3 de vehicles i mobilitat sostenible.<\/a><\/h3>\n\t\t\t<\/header>\n\t\t<\/div>\n\t\t<div class=\"post-content\">\n\t\t\t<a href=\"https:\/\/www.psib-psoe.org\/mallorca\/el-grup-socialista-forca-el-pronunciament-favorable-del-ple-del-consell-de-mallorca-al-projecte-de-llei-de-limitacio-de-vehicles-i-mobilitat-sostenible\/\" class=\"more-link\">Read More<\/a>\n\t\t<\/div>\n\t\t\t<aside class=\"post-bottom-meta hide\">\n\t\t<strong rel=\"author\" itemprop=\"author\" class=\"author vcard\"><span class=\"fn\">Albert<\/span><\/strong>\n\t\t<time class=\"date published time\" datetime=\"2026-02-24T20:29:35+02:00\" itemprop=\"datePublished\" content=\"2026-02-24T20:29:35+02:00\">24\/02\/2026<\/time>\n\t\t<meta itemprop=\"dateModified\" class=\"date updated\" content=\"2026-02-24T20:29:46+02:00\">\n\t\t<span class=\"hide\" itemprop=\"publisher\" itemscope itemtype=\"https:\/\/schema.org\/Organization\">\n\t\t\t<meta itemprop=\"name\" content=\"SocialistesdMca\">\n\t\t\t<span itemprop=\"logo\" itemscope itemtype=\"https:\/\/schema.org\/ImageObject\">\n\t\t\t\t<meta itemprop=\"url\" content=\"https:\/\/www.psib-psoe.org\/mallorca\/wp-content\/themes\/notio-wp\/assets\/img\/logo.png\">\n\t\t\t<\/span>\n\t\t\t<meta itemprop=\"url\" content=\"https:\/\/www.psib-psoe.org\/mallorca\/\">\n\t\t<\/span>\n\t\t\t\t<span class=\"hide\" itemprop=\"image\" itemscope itemtype=\"http:\/\/schema.org\/ImageObject\">\n\t\t\t<meta itemprop=\"url\" content=\"https:\/\/www.psib-psoe.org\/mallorca\/wp-content\/uploads\/Cladera-ple.jpeg\">\n\t\t\t<meta itemprop=\"width\" content=\"2560\">\n\t\t\t<meta itemprop=\"height\" content=\"1706\">\n\t\t<\/span>\n\t\t\t\t<meta itemscope itemprop=\"mainEntityOfPage\" itemtype=\"https:\/\/schema.org\/WebPage\" itemid=\"https:\/\/www.psib-psoe.org\/mallorca\/el-grup-socialista-forca-el-pronunciament-favorable-del-ple-del-consell-de-mallorca-al-projecte-de-llei-de-limitacio-de-vehicles-i-mobilitat-sostenible\/\">\n\t<\/aside>\n\t\t<\/article>\n<\/div>\n<div class=\"small-12 large-4 columns\">\n\t<article itemscope itemtype=\"http:\/\/schema.org\/Article\" class=\"post blog-style7 alt post-31015 type-post status-publish format-standard has-post-thumbnail hentry category-federacio-de-mallorca category-federacio-de-mallorca-portada category-municipis category-portada tag-amanda-fernandez tag-ares-fernandez tag-catalina-cladera tag-consell-de-mallorca tag-federacio-socialista-de-mallorca tag-jaume-mateu tag-joan-ferrer tag-sofia-alonso\" role=\"article\">\n\t\t<figure class=\"post-gallery\"><img loading=\"lazy\" decoding=\"async\" width=\"600\" height=\"400\" src=\"https:\/\/www.psib-psoe.org\/mallorca\/wp-content\/uploads\/Ple-NNSS-Estellencs-3-600x400.jpeg\" class=\"attachment-notio-general-x2 size-notio-general-x2 wp-post-image\" alt=\"\" srcset=\"https:\/\/www.psib-psoe.org\/mallorca\/wp-content\/uploads\/Ple-NNSS-Estellencs-3-600x400.jpeg 600w, https:\/\/www.psib-psoe.org\/mallorca\/wp-content\/uploads\/Ple-NNSS-Estellencs-3-300x200.jpeg 300w, https:\/\/www.psib-psoe.org\/mallorca\/wp-content\/uploads\/Ple-NNSS-Estellencs-3-900x600.jpeg 900w, https:\/\/www.psib-psoe.org\/mallorca\/wp-content\/uploads\/Ple-NNSS-Estellencs-3-20x13.jpeg 20w\" sizes=\"(max-width: 600px) 100vw, 600px\" \/><\/figure>\n\t\t<div class=\"blog-top\">\n\t\t\t<header class=\"post-title entry-header\">\n\t\t\t\t<aside class=\"post-meta cf\">\n\t\t24\/02\/2026 \/ <a href=\"https:\/\/www.psib-psoe.org\/mallorca\/category\/federacio-de-mallorca\/\" rel=\"category tag\">Federaci\u00f3 de Mallorca<\/a>, <a href=\"https:\/\/www.psib-psoe.org\/mallorca\/category\/federacio-de-mallorca-portada\/\" rel=\"category tag\">Federaci\u00f3 de Mallorca - Portada<\/a>, <a href=\"https:\/\/www.psib-psoe.org\/mallorca\/category\/municipis\/\" rel=\"category tag\">Municipis<\/a>, <a href=\"https:\/\/www.psib-psoe.org\/mallorca\/category\/portada\/\" rel=\"category tag\">Portada<\/a><\/aside>\n\t\t\t\t<h3 itemprop=\"headline\"><a href=\"https:\/\/www.psib-psoe.org\/mallorca\/el-psib-psoe-estudia-emprendre-accions-legals-en-contra-de-laprovacio-inicial-del-pla-general-destellencs-per-les-irregularitats-detectades-en-el-ple\/\" title=\"El PSIB-PSOE estudia emprendre accions legals en contra de l\u2019aprovaci\u00f3 inicial del Pla general d\u2019Estellencs, per les irregularitats detectades en el ple.\">El PSIB-PSOE estudia emprendre accions legals en contra de l\u2019aprovaci\u00f3 inicial del Pla general d\u2019Estellencs, per les irregularitats detectades en el ple.<\/a><\/h3>\n\t\t\t<\/header>\n\t\t<\/div>\n\t\t<div class=\"post-content\">\n\t\t\t<a href=\"https:\/\/www.psib-psoe.org\/mallorca\/el-psib-psoe-estudia-emprendre-accions-legals-en-contra-de-laprovacio-inicial-del-pla-general-destellencs-per-les-irregularitats-detectades-en-el-ple\/\" class=\"more-link\">Read More<\/a>\n\t\t<\/div>\n\t\t\t<aside class=\"post-bottom-meta hide\">\n\t\t<strong rel=\"author\" itemprop=\"author\" class=\"author vcard\"><span class=\"fn\">Albert<\/span><\/strong>\n\t\t<time class=\"date published time\" datetime=\"2026-02-24T13:54:17+02:00\" itemprop=\"datePublished\" content=\"2026-02-24T13:54:17+02:00\">24\/02\/2026<\/time>\n\t\t<meta itemprop=\"dateModified\" class=\"date updated\" content=\"2026-02-24T13:54:29+02:00\">\n\t\t<span class=\"hide\" itemprop=\"publisher\" itemscope itemtype=\"https:\/\/schema.org\/Organization\">\n\t\t\t<meta itemprop=\"name\" content=\"SocialistesdMca\">\n\t\t\t<span itemprop=\"logo\" itemscope itemtype=\"https:\/\/schema.org\/ImageObject\">\n\t\t\t\t<meta itemprop=\"url\" content=\"https:\/\/www.psib-psoe.org\/mallorca\/wp-content\/themes\/notio-wp\/assets\/img\/logo.png\">\n\t\t\t<\/span>\n\t\t\t<meta itemprop=\"url\" content=\"https:\/\/www.psib-psoe.org\/mallorca\/\">\n\t\t<\/span>\n\t\t\t\t<span class=\"hide\" itemprop=\"image\" itemscope itemtype=\"http:\/\/schema.org\/ImageObject\">\n\t\t\t<meta itemprop=\"url\" content=\"https:\/\/www.psib-psoe.org\/mallorca\/wp-content\/uploads\/Ple-NNSS-Estellencs-3.jpeg\">\n\t\t\t<meta itemprop=\"width\" content=\"2560\">\n\t\t\t<meta itemprop=\"height\" content=\"1920\">\n\t\t<\/span>\n\t\t\t\t<meta itemscope itemprop=\"mainEntityOfPage\" itemtype=\"https:\/\/schema.org\/WebPage\" itemid=\"https:\/\/www.psib-psoe.org\/mallorca\/el-psib-psoe-estudia-emprendre-accions-legals-en-contra-de-laprovacio-inicial-del-pla-general-destellencs-per-les-irregularitats-detectades-en-el-ple\/\">\n\t<\/aside>\n\t\t<\/article>\n<\/div>\n<div class=\"small-12 large-4 columns\">\n\t<article itemscope itemtype=\"http:\/\/schema.org\/Article\" class=\"post blog-style7 alt post-31013 type-post status-publish format-standard has-post-thumbnail hentry category-federacio-de-mallorca category-federacio-de-mallorca-portada category-municipis category-portada tag-agrupacio-socialista-de-son-servera tag-amanda-fernandez tag-ares-fernandez tag-fa-fang-dong tag-federacio-socialista-de-mallorca tag-psib-psoe tag-remedios-canadas tag-son-servera\" role=\"article\">\n\t\t<figure class=\"post-gallery\"><img loading=\"lazy\" decoding=\"async\" width=\"600\" height=\"400\" src=\"https:\/\/www.psib-psoe.org\/mallorca\/wp-content\/uploads\/Executiva-3-600x400.jpeg\" class=\"attachment-notio-general-x2 size-notio-general-x2 wp-post-image\" alt=\"\" srcset=\"https:\/\/www.psib-psoe.org\/mallorca\/wp-content\/uploads\/Executiva-3-600x400.jpeg 600w, https:\/\/www.psib-psoe.org\/mallorca\/wp-content\/uploads\/Executiva-3-300x200.jpeg 300w, https:\/\/www.psib-psoe.org\/mallorca\/wp-content\/uploads\/Executiva-3-900x600.jpeg 900w, https:\/\/www.psib-psoe.org\/mallorca\/wp-content\/uploads\/Executiva-3-20x13.jpeg 20w\" sizes=\"(max-width: 600px) 100vw, 600px\" \/><\/figure>\n\t\t<div class=\"blog-top\">\n\t\t\t<header class=\"post-title entry-header\">\n\t\t\t\t<aside class=\"post-meta cf\">\n\t\t23\/02\/2026 \/ <a href=\"https:\/\/www.psib-psoe.org\/mallorca\/category\/federacio-de-mallorca\/\" rel=\"category tag\">Federaci\u00f3 de Mallorca<\/a>, <a href=\"https:\/\/www.psib-psoe.org\/mallorca\/category\/federacio-de-mallorca-portada\/\" rel=\"category tag\">Federaci\u00f3 de Mallorca - Portada<\/a>, <a href=\"https:\/\/www.psib-psoe.org\/mallorca\/category\/municipis\/\" rel=\"category tag\">Municipis<\/a>, <a href=\"https:\/\/www.psib-psoe.org\/mallorca\/category\/portada\/\" rel=\"category tag\">Portada<\/a><\/aside>\n\t\t\t\t<h3 itemprop=\"headline\"><a href=\"https:\/\/www.psib-psoe.org\/mallorca\/els-socialistes-de-son-servera-exigeixen-solucions-immediates-per-al-manteniment-i-la-neteja-dels-collegis-municipals-abandonats-per-lequip-de-govern\/\" title=\"Els Socialistes de Son Servera exigeixen solucions immediates per al manteniment i la neteja dels col\u00b7legis municipals, \u201cabandonats\u201d per l\u2019equip de govern.\">Els Socialistes de Son Servera exigeixen solucions immediates per al manteniment i la neteja dels col\u00b7legis municipals, \u201cabandonats\u201d per l\u2019equip de govern.<\/a><\/h3>\n\t\t\t<\/header>\n\t\t<\/div>\n\t\t<div class=\"post-content\">\n\t\t\t<a href=\"https:\/\/www.psib-psoe.org\/mallorca\/els-socialistes-de-son-servera-exigeixen-solucions-immediates-per-al-manteniment-i-la-neteja-dels-collegis-municipals-abandonats-per-lequip-de-govern\/\" class=\"more-link\">Read More<\/a>\n\t\t<\/div>\n\t\t\t<aside class=\"post-bottom-meta hide\">\n\t\t<strong rel=\"author\" itemprop=\"author\" class=\"author vcard\"><span class=\"fn\">Albert<\/span><\/strong>\n\t\t<time class=\"date published time\" datetime=\"2026-02-23T13:34:33+02:00\" itemprop=\"datePublished\" content=\"2026-02-23T13:34:33+02:00\">23\/02\/2026<\/time>\n\t\t<meta itemprop=\"dateModified\" class=\"date updated\" content=\"2026-02-23T13:34:44+02:00\">\n\t\t<span class=\"hide\" itemprop=\"publisher\" itemscope itemtype=\"https:\/\/schema.org\/Organization\">\n\t\t\t<meta itemprop=\"name\" content=\"SocialistesdMca\">\n\t\t\t<span itemprop=\"logo\" itemscope itemtype=\"https:\/\/schema.org\/ImageObject\">\n\t\t\t\t<meta itemprop=\"url\" content=\"https:\/\/www.psib-psoe.org\/mallorca\/wp-content\/themes\/notio-wp\/assets\/img\/logo.png\">\n\t\t\t<\/span>\n\t\t\t<meta itemprop=\"url\" content=\"https:\/\/www.psib-psoe.org\/mallorca\/\">\n\t\t<\/span>\n\t\t\t\t<span class=\"hide\" itemprop=\"image\" itemscope itemtype=\"http:\/\/schema.org\/ImageObject\">\n\t\t\t<meta itemprop=\"url\" content=\"https:\/\/www.psib-psoe.org\/mallorca\/wp-content\/uploads\/Executiva-3.jpeg\">\n\t\t\t<meta itemprop=\"width\" content=\"1600\">\n\t\t\t<meta itemprop=\"height\" content=\"1200\">\n\t\t<\/span>\n\t\t\t\t<meta itemscope itemprop=\"mainEntityOfPage\" itemtype=\"https:\/\/schema.org\/WebPage\" itemid=\"https:\/\/www.psib-psoe.org\/mallorca\/els-socialistes-de-son-servera-exigeixen-solucions-immediates-per-al-manteniment-i-la-neteja-dels-collegis-municipals-abandonats-per-lequip-de-govern\/\">\n\t<\/aside>\n\t\t<\/article>\n<\/div>\n<div class=\"small-12 large-4 columns\">\n\t<article itemscope itemtype=\"http:\/\/schema.org\/Article\" class=\"post blog-style7 alt post-31006 type-post status-publish format-standard has-post-thumbnail hentry category-federacio-de-mallorca category-federacio-de-mallorca-portada category-municipis category-portada tag-amanda-fernandez tag-ares-fernandez tag-catalina-cladera tag-consell-de-mallorca tag-federacio-socialista-de-mallorca tag-jaume-mateu tag-joan-ferrer tag-sofia-alonso\" role=\"article\">\n\t\t<figure class=\"post-gallery\"><img loading=\"lazy\" decoding=\"async\" width=\"600\" height=\"400\" src=\"https:\/\/www.psib-psoe.org\/mallorca\/wp-content\/uploads\/Bust-Picornell-1-1-600x400.jpeg\" class=\"attachment-notio-general-x2 size-notio-general-x2 wp-post-image\" alt=\"\" srcset=\"https:\/\/www.psib-psoe.org\/mallorca\/wp-content\/uploads\/Bust-Picornell-1-1-600x400.jpeg 600w, https:\/\/www.psib-psoe.org\/mallorca\/wp-content\/uploads\/Bust-Picornell-1-1-300x200.jpeg 300w, https:\/\/www.psib-psoe.org\/mallorca\/wp-content\/uploads\/Bust-Picornell-1-1-900x600.jpeg 900w, https:\/\/www.psib-psoe.org\/mallorca\/wp-content\/uploads\/Bust-Picornell-1-1-20x13.jpeg 20w\" sizes=\"(max-width: 600px) 100vw, 600px\" \/><\/figure>\n\t\t<div class=\"blog-top\">\n\t\t\t<header class=\"post-title entry-header\">\n\t\t\t\t<aside class=\"post-meta cf\">\n\t\t22\/02\/2026 \/ <a href=\"https:\/\/www.psib-psoe.org\/mallorca\/category\/federacio-de-mallorca\/\" rel=\"category tag\">Federaci\u00f3 de Mallorca<\/a>, <a href=\"https:\/\/www.psib-psoe.org\/mallorca\/category\/federacio-de-mallorca-portada\/\" rel=\"category tag\">Federaci\u00f3 de Mallorca - Portada<\/a>, <a href=\"https:\/\/www.psib-psoe.org\/mallorca\/category\/municipis\/\" rel=\"category tag\">Municipis<\/a>, <a href=\"https:\/\/www.psib-psoe.org\/mallorca\/category\/portada\/\" rel=\"category tag\">Portada<\/a><\/aside>\n\t\t\t\t<h3 itemprop=\"headline\"><a href=\"https:\/\/www.psib-psoe.org\/mallorca\/el-consell-de-mallorca-no-mou-ni-un-dit-per-a-la-proteccio-del-bust-daurora-picornell-a-palma-i-ignora-una-peticio-de-tota-loposicio\/\" title=\"El Consell de Mallorca \u201cno mou ni un dit\u201d per a la protecci\u00f3 del bust d\u2019Aurora Picornell a Palma i ignora una petici\u00f3 de tota l\u2019oposici\u00f3.\">El Consell de Mallorca \u201cno mou ni un dit\u201d per a la protecci\u00f3 del bust d\u2019Aurora Picornell a Palma i ignora una petici\u00f3 de tota l\u2019oposici\u00f3.<\/a><\/h3>\n\t\t\t<\/header>\n\t\t<\/div>\n\t\t<div class=\"post-content\">\n\t\t\t<a href=\"https:\/\/www.psib-psoe.org\/mallorca\/el-consell-de-mallorca-no-mou-ni-un-dit-per-a-la-proteccio-del-bust-daurora-picornell-a-palma-i-ignora-una-peticio-de-tota-loposicio\/\" class=\"more-link\">Read More<\/a>\n\t\t<\/div>\n\t\t\t<aside class=\"post-bottom-meta hide\">\n\t\t<strong rel=\"author\" itemprop=\"author\" class=\"author vcard\"><span class=\"fn\">Albert<\/span><\/strong>\n\t\t<time class=\"date published time\" datetime=\"2026-02-22T21:36:29+02:00\" itemprop=\"datePublished\" content=\"2026-02-22T21:36:29+02:00\">22\/02\/2026<\/time>\n\t\t<meta itemprop=\"dateModified\" class=\"date updated\" content=\"2026-02-22T21:36:41+02:00\">\n\t\t<span class=\"hide\" itemprop=\"publisher\" itemscope itemtype=\"https:\/\/schema.org\/Organization\">\n\t\t\t<meta itemprop=\"name\" content=\"SocialistesdMca\">\n\t\t\t<span itemprop=\"logo\" itemscope itemtype=\"https:\/\/schema.org\/ImageObject\">\n\t\t\t\t<meta itemprop=\"url\" content=\"https:\/\/www.psib-psoe.org\/mallorca\/wp-content\/themes\/notio-wp\/assets\/img\/logo.png\">\n\t\t\t<\/span>\n\t\t\t<meta itemprop=\"url\" content=\"https:\/\/www.psib-psoe.org\/mallorca\/\">\n\t\t<\/span>\n\t\t\t\t<span class=\"hide\" itemprop=\"image\" itemscope itemtype=\"http:\/\/schema.org\/ImageObject\">\n\t\t\t<meta itemprop=\"url\" content=\"https:\/\/www.psib-psoe.org\/mallorca\/wp-content\/uploads\/Bust-Picornell-1-1-scaled.jpeg\">\n\t\t\t<meta itemprop=\"width\" content=\"2560\">\n\t\t\t<meta itemprop=\"height\" content=\"1920\">\n\t\t<\/span>\n\t\t\t\t<meta itemscope itemprop=\"mainEntityOfPage\" itemtype=\"https:\/\/schema.org\/WebPage\" itemid=\"https:\/\/www.psib-psoe.org\/mallorca\/el-consell-de-mallorca-no-mou-ni-un-dit-per-a-la-proteccio-del-bust-daurora-picornell-a-palma-i-ignora-una-peticio-de-tota-loposicio\/\">\n\t<\/aside>\n\t\t<\/article>\n<\/div>\n<div class=\"small-12 large-4 columns\">\n\t<article itemscope itemtype=\"http:\/\/schema.org\/Article\" class=\"post blog-style7 alt post-31001 type-post status-publish format-standard has-post-thumbnail hentry category-federacio-de-mallorca category-federacio-de-mallorca-portada category-municipis category-portada tag-amanda-fernandez tag-ares-fernandez tag-catalina-cladera tag-consell-de-mallorca tag-federacio-socialista-de-mallorca tag-jaume-mateu tag-joan-ferrer tag-sofia-alonso\" role=\"article\">\n\t\t<figure class=\"post-gallery\"><img loading=\"lazy\" decoding=\"async\" width=\"600\" height=\"400\" src=\"https:\/\/www.psib-psoe.org\/mallorca\/wp-content\/uploads\/Ple-NNSS-Estellencs-edited-600x400.jpeg\" class=\"attachment-notio-general-x2 size-notio-general-x2 wp-post-image\" alt=\"\" srcset=\"https:\/\/www.psib-psoe.org\/mallorca\/wp-content\/uploads\/Ple-NNSS-Estellencs-edited-600x400.jpeg 600w, https:\/\/www.psib-psoe.org\/mallorca\/wp-content\/uploads\/Ple-NNSS-Estellencs-edited-300x200.jpeg 300w, https:\/\/www.psib-psoe.org\/mallorca\/wp-content\/uploads\/Ple-NNSS-Estellencs-edited-900x600.jpeg 900w, https:\/\/www.psib-psoe.org\/mallorca\/wp-content\/uploads\/Ple-NNSS-Estellencs-edited-20x13.jpeg 20w\" sizes=\"(max-width: 600px) 100vw, 600px\" \/><\/figure>\n\t\t<div class=\"blog-top\">\n\t\t\t<header class=\"post-title entry-header\">\n\t\t\t\t<aside class=\"post-meta cf\">\n\t\t20\/02\/2026 \/ <a href=\"https:\/\/www.psib-psoe.org\/mallorca\/category\/federacio-de-mallorca\/\" rel=\"category tag\">Federaci\u00f3 de Mallorca<\/a>, <a href=\"https:\/\/www.psib-psoe.org\/mallorca\/category\/federacio-de-mallorca-portada\/\" rel=\"category tag\">Federaci\u00f3 de Mallorca - Portada<\/a>, <a href=\"https:\/\/www.psib-psoe.org\/mallorca\/category\/municipis\/\" rel=\"category tag\">Municipis<\/a>, <a href=\"https:\/\/www.psib-psoe.org\/mallorca\/category\/portada\/\" rel=\"category tag\">Portada<\/a><\/aside>\n\t\t\t\t<h3 itemprop=\"headline\"><a href=\"https:\/\/www.psib-psoe.org\/mallorca\/els-socialistes-acusen-galmes-damagar-les-requalificacions-a-la-carta-del-batle-i-dun-regidor-del-partit-popular-en-el-pla-general-destellencs\/\" title=\"Els Socialistes acusen Galm\u00e9s d\u2019amagar les requalificacions a la carta del batle i d\u2019un regidor del Partit Popular en el Pla General d\u2019Estellencs.\">Els Socialistes acusen Galm\u00e9s d\u2019amagar les requalificacions a la carta del batle i d\u2019un regidor del Partit Popular en el Pla General d\u2019Estellencs.<\/a><\/h3>\n\t\t\t<\/header>\n\t\t<\/div>\n\t\t<div class=\"post-content\">\n\t\t\t<a href=\"https:\/\/www.psib-psoe.org\/mallorca\/els-socialistes-acusen-galmes-damagar-les-requalificacions-a-la-carta-del-batle-i-dun-regidor-del-partit-popular-en-el-pla-general-destellencs\/\" class=\"more-link\">Read More<\/a>\n\t\t<\/div>\n\t\t\t<aside class=\"post-bottom-meta hide\">\n\t\t<strong rel=\"author\" itemprop=\"author\" class=\"author vcard\"><span class=\"fn\">Albert<\/span><\/strong>\n\t\t<time class=\"date published time\" datetime=\"2026-02-20T14:24:39+02:00\" itemprop=\"datePublished\" content=\"2026-02-20T14:24:39+02:00\">20\/02\/2026<\/time>\n\t\t<meta itemprop=\"dateModified\" class=\"date updated\" content=\"2026-02-20T14:24:50+02:00\">\n\t\t<span class=\"hide\" itemprop=\"publisher\" itemscope itemtype=\"https:\/\/schema.org\/Organization\">\n\t\t\t<meta itemprop=\"name\" content=\"SocialistesdMca\">\n\t\t\t<span itemprop=\"logo\" itemscope itemtype=\"https:\/\/schema.org\/ImageObject\">\n\t\t\t\t<meta itemprop=\"url\" content=\"https:\/\/www.psib-psoe.org\/mallorca\/wp-content\/themes\/notio-wp\/assets\/img\/logo.png\">\n\t\t\t<\/span>\n\t\t\t<meta itemprop=\"url\" content=\"https:\/\/www.psib-psoe.org\/mallorca\/\">\n\t\t<\/span>\n\t\t\t\t<span class=\"hide\" itemprop=\"image\" itemscope itemtype=\"http:\/\/schema.org\/ImageObject\">\n\t\t\t<meta itemprop=\"url\" content=\"https:\/\/www.psib-psoe.org\/mallorca\/wp-content\/uploads\/Ple-NNSS-Estellencs-edited.jpeg\">\n\t\t\t<meta itemprop=\"width\" content=\"1600\">\n\t\t\t<meta itemprop=\"height\" content=\"900\">\n\t\t<\/span>\n\t\t\t\t<meta itemscope itemprop=\"mainEntityOfPage\" itemtype=\"https:\/\/schema.org\/WebPage\" itemid=\"https:\/\/www.psib-psoe.org\/mallorca\/els-socialistes-acusen-galmes-damagar-les-requalificacions-a-la-carta-del-batle-i-dun-regidor-del-partit-popular-en-el-pla-general-destellencs\/\">\n\t<\/aside>\n\t\t<\/article>\n<\/div>\n<div class=\"small-12 large-4 columns\">\n\t<article itemscope itemtype=\"http:\/\/schema.org\/Article\" class=\"post blog-style7 alt post-30992 type-post status-publish format-standard has-post-thumbnail hentry category-federacio-de-mallorca category-federacio-de-mallorca-portada category-municipis category-portada tag-amanda-fernandez tag-ares-fernandez tag-bea-gamundi tag-guillem-ensenyat tag-jaume-mateu tag-joan-mendez-2 tag-per-estellencs tag-psib-psoe\" role=\"article\">\n\t\t<figure class=\"post-gallery\"><img loading=\"lazy\" decoding=\"async\" width=\"600\" height=\"400\" src=\"https:\/\/www.psib-psoe.org\/mallorca\/wp-content\/uploads\/Ple-NNSS-Estellencs-2-600x400.jpeg\" class=\"attachment-notio-general-x2 size-notio-general-x2 wp-post-image\" alt=\"\" srcset=\"https:\/\/www.psib-psoe.org\/mallorca\/wp-content\/uploads\/Ple-NNSS-Estellencs-2-600x400.jpeg 600w, https:\/\/www.psib-psoe.org\/mallorca\/wp-content\/uploads\/Ple-NNSS-Estellencs-2-300x200.jpeg 300w, https:\/\/www.psib-psoe.org\/mallorca\/wp-content\/uploads\/Ple-NNSS-Estellencs-2-900x600.jpeg 900w, https:\/\/www.psib-psoe.org\/mallorca\/wp-content\/uploads\/Ple-NNSS-Estellencs-2-20x13.jpeg 20w\" sizes=\"(max-width: 600px) 100vw, 600px\" \/><\/figure>\n\t\t<div class=\"blog-top\">\n\t\t\t<header class=\"post-title entry-header\">\n\t\t\t\t<aside class=\"post-meta cf\">\n\t\t19\/02\/2026 \/ <a href=\"https:\/\/www.psib-psoe.org\/mallorca\/category\/federacio-de-mallorca\/\" rel=\"category tag\">Federaci\u00f3 de Mallorca<\/a>, <a href=\"https:\/\/www.psib-psoe.org\/mallorca\/category\/federacio-de-mallorca-portada\/\" rel=\"category tag\">Federaci\u00f3 de Mallorca - Portada<\/a>, <a href=\"https:\/\/www.psib-psoe.org\/mallorca\/category\/municipis\/\" rel=\"category tag\">Municipis<\/a>, <a href=\"https:\/\/www.psib-psoe.org\/mallorca\/category\/portada\/\" rel=\"category tag\">Portada<\/a><\/aside>\n\t\t\t\t<h3 itemprop=\"headline\"><a href=\"https:\/\/www.psib-psoe.org\/mallorca\/per-estellencs-denuncia-que-el-nou-planejament-urbanistic-que-impulsa-el-pp-destrueix-el-paisatge-cultural-i-ignora-la-voluntat-del-poble\/\" title=\"Per Estellencs denuncia que el nou planejament urban\u00edstic que impulsa el PP\u00a0 \u201cdestrueix el paisatge cultural i ignora la voluntat del poble\u201d.\">Per Estellencs denuncia que el nou planejament urban\u00edstic que impulsa el PP\u00a0 \u201cdestrueix el paisatge cultural i ignora la voluntat del poble\u201d.<\/a><\/h3>\n\t\t\t<\/header>\n\t\t<\/div>\n\t\t<div class=\"post-content\">\n\t\t\t<a href=\"https:\/\/www.psib-psoe.org\/mallorca\/per-estellencs-denuncia-que-el-nou-planejament-urbanistic-que-impulsa-el-pp-destrueix-el-paisatge-cultural-i-ignora-la-voluntat-del-poble\/\" class=\"more-link\">Read More<\/a>\n\t\t<\/div>\n\t\t\t<aside class=\"post-bottom-meta hide\">\n\t\t<strong rel=\"author\" itemprop=\"author\" class=\"author vcard\"><span class=\"fn\">Albert<\/span><\/strong>\n\t\t<time class=\"date published time\" datetime=\"2026-02-19T16:32:24+02:00\" itemprop=\"datePublished\" content=\"2026-02-19T16:32:24+02:00\">19\/02\/2026<\/time>\n\t\t<meta itemprop=\"dateModified\" class=\"date updated\" content=\"2026-02-19T16:52:16+02:00\">\n\t\t<span class=\"hide\" itemprop=\"publisher\" itemscope itemtype=\"https:\/\/schema.org\/Organization\">\n\t\t\t<meta itemprop=\"name\" content=\"SocialistesdMca\">\n\t\t\t<span itemprop=\"logo\" itemscope itemtype=\"https:\/\/schema.org\/ImageObject\">\n\t\t\t\t<meta itemprop=\"url\" content=\"https:\/\/www.psib-psoe.org\/mallorca\/wp-content\/themes\/notio-wp\/assets\/img\/logo.png\">\n\t\t\t<\/span>\n\t\t\t<meta itemprop=\"url\" content=\"https:\/\/www.psib-psoe.org\/mallorca\/\">\n\t\t<\/span>\n\t\t\t\t<span class=\"hide\" itemprop=\"image\" itemscope itemtype=\"http:\/\/schema.org\/ImageObject\">\n\t\t\t<meta itemprop=\"url\" content=\"https:\/\/www.psib-psoe.org\/mallorca\/wp-content\/uploads\/Ple-NNSS-Estellencs-2.jpeg\">\n\t\t\t<meta itemprop=\"width\" content=\"2560\">\n\t\t\t<meta itemprop=\"height\" content=\"1920\">\n\t\t<\/span>\n\t\t\t\t<meta itemscope itemprop=\"mainEntityOfPage\" itemtype=\"https:\/\/schema.org\/WebPage\" itemid=\"https:\/\/www.psib-psoe.org\/mallorca\/per-estellencs-denuncia-que-el-nou-planejament-urbanistic-que-impulsa-el-pp-destrueix-el-paisatge-cultural-i-ignora-la-voluntat-del-poble\/\">\n\t<\/aside>\n\t\t<\/article>\n<\/div>\n<div class=\"small-12 large-4 columns\">\n\t<article itemscope itemtype=\"http:\/\/schema.org\/Article\" class=\"post blog-style7 alt post-30988 type-post status-publish format-standard has-post-thumbnail hentry category-federacio-de-mallorca category-federacio-de-mallorca-portada category-municipis category-portada tag-agrupacio-socialista-de-llucmajor tag-amanda-fernandez tag-elsa-herranz tag-federacio-socialista-de-mallorca tag-jaume-j-oliver-2\" role=\"article\">\n\t\t<figure class=\"post-gallery\"><img loading=\"lazy\" decoding=\"async\" width=\"600\" height=\"400\" src=\"https:\/\/www.psib-psoe.org\/mallorca\/wp-content\/uploads\/WhatsApp-Image-2026-02-19-at-07.46.49-600x400.jpeg\" class=\"attachment-notio-general-x2 size-notio-general-x2 wp-post-image\" alt=\"\" srcset=\"https:\/\/www.psib-psoe.org\/mallorca\/wp-content\/uploads\/WhatsApp-Image-2026-02-19-at-07.46.49-600x400.jpeg 600w, https:\/\/www.psib-psoe.org\/mallorca\/wp-content\/uploads\/WhatsApp-Image-2026-02-19-at-07.46.49-300x200.jpeg 300w, https:\/\/www.psib-psoe.org\/mallorca\/wp-content\/uploads\/WhatsApp-Image-2026-02-19-at-07.46.49-900x600.jpeg 900w, https:\/\/www.psib-psoe.org\/mallorca\/wp-content\/uploads\/WhatsApp-Image-2026-02-19-at-07.46.49-20x13.jpeg 20w\" sizes=\"(max-width: 600px) 100vw, 600px\" \/><\/figure>\n\t\t<div class=\"blog-top\">\n\t\t\t<header class=\"post-title entry-header\">\n\t\t\t\t<aside class=\"post-meta cf\">\n\t\t19\/02\/2026 \/ <a href=\"https:\/\/www.psib-psoe.org\/mallorca\/category\/federacio-de-mallorca\/\" rel=\"category tag\">Federaci\u00f3 de Mallorca<\/a>, <a href=\"https:\/\/www.psib-psoe.org\/mallorca\/category\/federacio-de-mallorca-portada\/\" rel=\"category tag\">Federaci\u00f3 de Mallorca - Portada<\/a>, <a href=\"https:\/\/www.psib-psoe.org\/mallorca\/category\/municipis\/\" rel=\"category tag\">Municipis<\/a>, <a href=\"https:\/\/www.psib-psoe.org\/mallorca\/category\/portada\/\" rel=\"category tag\">Portada<\/a><\/aside>\n\t\t\t\t<h3 itemprop=\"headline\"><a href=\"https:\/\/www.psib-psoe.org\/mallorca\/els-socialistes-de-llucmajor-afirmen-que-el-pressupost-de-2026-apujara-els-impostos-que-paguen-els-ciutadans-mentre-lajuntament-acumula-47-milions-deuros-sense-emprar-per-la-deficie\/\" title=\"Els Socialistes de Llucmajor afirmen que el pressupost de 2026 apujar\u00e0 els impostos que paguen els ciutadans mentre l\u2019Ajuntament acumula 47 milions d\u2019euros sense emprar, per la deficient gesti\u00f3 de l\u2019equip de govern.\">Els Socialistes de Llucmajor afirmen que el pressupost de 2026 apujar\u00e0 els impostos que paguen els ciutadans mentre l\u2019Ajuntament acumula 47 milions d\u2019euros sense emprar, per la deficient gesti\u00f3 de l\u2019equip de govern.<\/a><\/h3>\n\t\t\t<\/header>\n\t\t<\/div>\n\t\t<div class=\"post-content\">\n\t\t\t<a href=\"https:\/\/www.psib-psoe.org\/mallorca\/els-socialistes-de-llucmajor-afirmen-que-el-pressupost-de-2026-apujara-els-impostos-que-paguen-els-ciutadans-mentre-lajuntament-acumula-47-milions-deuros-sense-emprar-per-la-deficie\/\" class=\"more-link\">Read More<\/a>\n\t\t<\/div>\n\t\t\t<aside class=\"post-bottom-meta hide\">\n\t\t<strong rel=\"author\" itemprop=\"author\" class=\"author vcard\"><span class=\"fn\">Albert<\/span><\/strong>\n\t\t<time class=\"date published time\" datetime=\"2026-02-19T13:39:37+02:00\" itemprop=\"datePublished\" content=\"2026-02-19T13:39:37+02:00\">19\/02\/2026<\/time>\n\t\t<meta itemprop=\"dateModified\" class=\"date updated\" content=\"2026-02-19T13:39:48+02:00\">\n\t\t<span class=\"hide\" itemprop=\"publisher\" itemscope itemtype=\"https:\/\/schema.org\/Organization\">\n\t\t\t<meta itemprop=\"name\" content=\"SocialistesdMca\">\n\t\t\t<span itemprop=\"logo\" itemscope itemtype=\"https:\/\/schema.org\/ImageObject\">\n\t\t\t\t<meta itemprop=\"url\" content=\"https:\/\/www.psib-psoe.org\/mallorca\/wp-content\/themes\/notio-wp\/assets\/img\/logo.png\">\n\t\t\t<\/span>\n\t\t\t<meta itemprop=\"url\" content=\"https:\/\/www.psib-psoe.org\/mallorca\/\">\n\t\t<\/span>\n\t\t\t\t<span class=\"hide\" itemprop=\"image\" itemscope itemtype=\"http:\/\/schema.org\/ImageObject\">\n\t\t\t<meta itemprop=\"url\" content=\"https:\/\/www.psib-psoe.org\/mallorca\/wp-content\/uploads\/WhatsApp-Image-2026-02-19-at-07.46.49.jpeg\">\n\t\t\t<meta itemprop=\"width\" content=\"1290\">\n\t\t\t<meta itemprop=\"height\" content=\"1820\">\n\t\t<\/span>\n\t\t\t\t<meta itemscope itemprop=\"mainEntityOfPage\" itemtype=\"https:\/\/schema.org\/WebPage\" itemid=\"https:\/\/www.psib-psoe.org\/mallorca\/els-socialistes-de-llucmajor-afirmen-que-el-pressupost-de-2026-apujara-els-impostos-que-paguen-els-ciutadans-mentre-lajuntament-acumula-47-milions-deuros-sense-emprar-per-la-deficie\/\">\n\t<\/aside>\n\t\t<\/article>\n<\/div>\n<div class=\"small-12 large-4 columns\">\n\t<article itemscope itemtype=\"http:\/\/schema.org\/Article\" class=\"post blog-style7 alt post-30983 type-post status-publish format-standard has-post-thumbnail hentry category-federacio-de-mallorca category-federacio-de-mallorca-portada category-municipis category-portada tag-amanda-fernandez tag-ares-fernandez tag-catalina-cladera tag-consell-de-mallorca tag-federacio-socialista-de-mallorca tag-jaume-mateu tag-joan-ferrer tag-sofia-alonso\" role=\"article\">\n\t\t<figure class=\"post-gallery\"><img loading=\"lazy\" decoding=\"async\" width=\"600\" height=\"400\" src=\"https:\/\/www.psib-psoe.org\/mallorca\/wp-content\/uploads\/Cladera-declaracions-230925-1-600x400.jpeg\" class=\"attachment-notio-general-x2 size-notio-general-x2 wp-post-image\" alt=\"\" srcset=\"https:\/\/www.psib-psoe.org\/mallorca\/wp-content\/uploads\/Cladera-declaracions-230925-1-600x400.jpeg 600w, https:\/\/www.psib-psoe.org\/mallorca\/wp-content\/uploads\/Cladera-declaracions-230925-1-300x200.jpeg 300w, https:\/\/www.psib-psoe.org\/mallorca\/wp-content\/uploads\/Cladera-declaracions-230925-1-900x600.jpeg 900w, https:\/\/www.psib-psoe.org\/mallorca\/wp-content\/uploads\/Cladera-declaracions-230925-1-20x13.jpeg 20w\" sizes=\"(max-width: 600px) 100vw, 600px\" \/><\/figure>\n\t\t<div class=\"blog-top\">\n\t\t\t<header class=\"post-title entry-header\">\n\t\t\t\t<aside class=\"post-meta cf\">\n\t\t18\/02\/2026 \/ <a href=\"https:\/\/www.psib-psoe.org\/mallorca\/category\/federacio-de-mallorca\/\" rel=\"category tag\">Federaci\u00f3 de Mallorca<\/a>, <a href=\"https:\/\/www.psib-psoe.org\/mallorca\/category\/federacio-de-mallorca-portada\/\" rel=\"category tag\">Federaci\u00f3 de Mallorca - Portada<\/a>, <a href=\"https:\/\/www.psib-psoe.org\/mallorca\/category\/municipis\/\" rel=\"category tag\">Municipis<\/a>, <a href=\"https:\/\/www.psib-psoe.org\/mallorca\/category\/portada\/\" rel=\"category tag\">Portada<\/a><\/aside>\n\t\t\t\t<h3 itemprop=\"headline\"><a href=\"https:\/\/www.psib-psoe.org\/mallorca\/el-grup-socialista-alerta-que-lavantprojecte-de-llei-de-la-serra-de-tramuntana-arriba-3-anys-tard-i-pot-posar-en-risc-el-patrimoni-de-la-unesco\/\" title=\"El Grup Socialista alerta que l\u2019avantprojecte de llei de la Serra de Tramuntana arriba 3 anys tard i pot posar en risc el patrimoni de la Unesco.\">El Grup Socialista alerta que l\u2019avantprojecte de llei de la Serra de Tramuntana arriba 3 anys tard i pot posar en risc el patrimoni de la Unesco.<\/a><\/h3>\n\t\t\t<\/header>\n\t\t<\/div>\n\t\t<div class=\"post-content\">\n\t\t\t<a href=\"https:\/\/www.psib-psoe.org\/mallorca\/el-grup-socialista-alerta-que-lavantprojecte-de-llei-de-la-serra-de-tramuntana-arriba-3-anys-tard-i-pot-posar-en-risc-el-patrimoni-de-la-unesco\/\" class=\"more-link\">Read More<\/a>\n\t\t<\/div>\n\t\t\t<aside class=\"post-bottom-meta hide\">\n\t\t<strong rel=\"author\" itemprop=\"author\" class=\"author vcard\"><span class=\"fn\">Albert<\/span><\/strong>\n\t\t<time class=\"date published time\" datetime=\"2026-02-18T13:12:48+02:00\" itemprop=\"datePublished\" content=\"2026-02-18T13:12:48+02:00\">18\/02\/2026<\/time>\n\t\t<meta itemprop=\"dateModified\" class=\"date updated\" content=\"2026-02-18T13:13:00+02:00\">\n\t\t<span class=\"hide\" itemprop=\"publisher\" itemscope itemtype=\"https:\/\/schema.org\/Organization\">\n\t\t\t<meta itemprop=\"name\" content=\"SocialistesdMca\">\n\t\t\t<span itemprop=\"logo\" itemscope itemtype=\"https:\/\/schema.org\/ImageObject\">\n\t\t\t\t<meta itemprop=\"url\" content=\"https:\/\/www.psib-psoe.org\/mallorca\/wp-content\/themes\/notio-wp\/assets\/img\/logo.png\">\n\t\t\t<\/span>\n\t\t\t<meta itemprop=\"url\" content=\"https:\/\/www.psib-psoe.org\/mallorca\/\">\n\t\t<\/span>\n\t\t\t\t<span class=\"hide\" itemprop=\"image\" itemscope itemtype=\"http:\/\/schema.org\/ImageObject\">\n\t\t\t<meta itemprop=\"url\" content=\"https:\/\/www.psib-psoe.org\/mallorca\/wp-content\/uploads\/Cladera-declaracions-230925-1-scaled.jpeg\">\n\t\t\t<meta itemprop=\"width\" content=\"2560\">\n\t\t\t<meta itemprop=\"height\" content=\"1920\">\n\t\t<\/span>\n\t\t\t\t<meta itemscope itemprop=\"mainEntityOfPage\" itemtype=\"https:\/\/schema.org\/WebPage\" itemid=\"https:\/\/www.psib-psoe.org\/mallorca\/el-grup-socialista-alerta-que-lavantprojecte-de-llei-de-la-serra-de-tramuntana-arriba-3-anys-tard-i-pot-posar-en-risc-el-patrimoni-de-la-unesco\/\">\n\t<\/aside>\n\t\t<\/article>\n<\/div>\n<div class=\"small-12 large-4 columns\">\n\t<article itemscope itemtype=\"http:\/\/schema.org\/Article\" class=\"post blog-style7 alt post-30978 type-post status-publish format-standard has-post-thumbnail hentry category-federacio-de-mallorca category-federacio-de-mallorca-portada category-municipis category-portada tag-amanda-fernandez tag-ares-fernandez tag-catalina-cladera tag-consell-de-mallorca tag-federacio-socialista-de-mallorca tag-jaume-mateu tag-joan-ferrer tag-sofia-alonso\" role=\"article\">\n\t\t<figure class=\"post-gallery\"><img loading=\"lazy\" decoding=\"async\" width=\"600\" height=\"400\" src=\"https:\/\/www.psib-psoe.org\/mallorca\/wp-content\/uploads\/Foto-rdp-160226-600x400.jpeg\" class=\"attachment-notio-general-x2 size-notio-general-x2 wp-post-image\" alt=\"\" srcset=\"https:\/\/www.psib-psoe.org\/mallorca\/wp-content\/uploads\/Foto-rdp-160226-600x400.jpeg 600w, https:\/\/www.psib-psoe.org\/mallorca\/wp-content\/uploads\/Foto-rdp-160226-300x200.jpeg 300w, https:\/\/www.psib-psoe.org\/mallorca\/wp-content\/uploads\/Foto-rdp-160226-900x600.jpeg 900w, https:\/\/www.psib-psoe.org\/mallorca\/wp-content\/uploads\/Foto-rdp-160226-20x13.jpeg 20w\" sizes=\"(max-width: 600px) 100vw, 600px\" \/><\/figure>\n\t\t<div class=\"blog-top\">\n\t\t\t<header class=\"post-title entry-header\">\n\t\t\t\t<aside class=\"post-meta cf\">\n\t\t16\/02\/2026 \/ <a href=\"https:\/\/www.psib-psoe.org\/mallorca\/category\/federacio-de-mallorca\/\" rel=\"category tag\">Federaci\u00f3 de Mallorca<\/a>, <a href=\"https:\/\/www.psib-psoe.org\/mallorca\/category\/federacio-de-mallorca-portada\/\" rel=\"category tag\">Federaci\u00f3 de Mallorca - Portada<\/a>, <a href=\"https:\/\/www.psib-psoe.org\/mallorca\/category\/municipis\/\" rel=\"category tag\">Municipis<\/a>, <a href=\"https:\/\/www.psib-psoe.org\/mallorca\/category\/portada\/\" rel=\"category tag\">Portada<\/a><\/aside>\n\t\t\t\t<h3 itemprop=\"headline\"><a href=\"https:\/\/www.psib-psoe.org\/mallorca\/els-socialistes-registren-la-peticio-per-convocar-un-ple-urgent-i-reclamen-al-pp-laprovacio-immediata-de-la-llei-de-regulacio-de-lentrada-de-vehicles\/\" title=\"Els Socialistes registren la petici\u00f3 per convocar un ple urgent i reclamen al PP l\u2019aprovaci\u00f3 immediata de la Llei de regulaci\u00f3 de l\u2019entrada de vehicles\">Els Socialistes registren la petici\u00f3 per convocar un ple urgent i reclamen al PP l\u2019aprovaci\u00f3 immediata de la Llei de regulaci\u00f3 de l\u2019entrada de vehicles<\/a><\/h3>\n\t\t\t<\/header>\n\t\t<\/div>\n\t\t<div class=\"post-content\">\n\t\t\t<a href=\"https:\/\/www.psib-psoe.org\/mallorca\/els-socialistes-registren-la-peticio-per-convocar-un-ple-urgent-i-reclamen-al-pp-laprovacio-immediata-de-la-llei-de-regulacio-de-lentrada-de-vehicles\/\" class=\"more-link\">Read More<\/a>\n\t\t<\/div>\n\t\t\t<aside class=\"post-bottom-meta hide\">\n\t\t<strong rel=\"author\" itemprop=\"author\" class=\"author vcard\"><span class=\"fn\">Albert<\/span><\/strong>\n\t\t<time class=\"date published time\" datetime=\"2026-02-16T13:58:00+02:00\" itemprop=\"datePublished\" content=\"2026-02-16T13:58:00+02:00\">16\/02\/2026<\/time>\n\t\t<meta itemprop=\"dateModified\" class=\"date updated\" content=\"2026-02-16T13:58:12+02:00\">\n\t\t<span class=\"hide\" itemprop=\"publisher\" itemscope itemtype=\"https:\/\/schema.org\/Organization\">\n\t\t\t<meta itemprop=\"name\" content=\"SocialistesdMca\">\n\t\t\t<span itemprop=\"logo\" itemscope itemtype=\"https:\/\/schema.org\/ImageObject\">\n\t\t\t\t<meta itemprop=\"url\" content=\"https:\/\/www.psib-psoe.org\/mallorca\/wp-content\/themes\/notio-wp\/assets\/img\/logo.png\">\n\t\t\t<\/span>\n\t\t\t<meta itemprop=\"url\" content=\"https:\/\/www.psib-psoe.org\/mallorca\/\">\n\t\t<\/span>\n\t\t\t\t<span class=\"hide\" itemprop=\"image\" itemscope itemtype=\"http:\/\/schema.org\/ImageObject\">\n\t\t\t<meta itemprop=\"url\" content=\"https:\/\/www.psib-psoe.org\/mallorca\/wp-content\/uploads\/Foto-rdp-160226.jpeg\">\n\t\t\t<meta itemprop=\"width\" content=\"1600\">\n\t\t\t<meta itemprop=\"height\" content=\"1200\">\n\t\t<\/span>\n\t\t\t\t<meta itemscope itemprop=\"mainEntityOfPage\" itemtype=\"https:\/\/schema.org\/WebPage\" itemid=\"https:\/\/www.psib-psoe.org\/mallorca\/els-socialistes-registren-la-peticio-per-convocar-un-ple-urgent-i-reclamen-al-pp-laprovacio-immediata-de-la-llei-de-regulacio-de-lentrada-de-vehicles\/\">\n\t<\/aside>\n\t\t<\/article>\n<\/div>\n<div class=\"small-12 large-4 columns\">\n\t<article itemscope itemtype=\"http:\/\/schema.org\/Article\" class=\"post blog-style7 alt post-30975 type-post status-publish format-standard has-post-thumbnail hentry category-federacio-de-mallorca category-federacio-de-mallorca-portada category-municipis category-portada tag-amanda-fernandez tag-andreu-serra tag-ares-fernandez tag-catalina-cladera tag-consell-de-mallorca tag-federacio-socialista-de-mallorca tag-joan-ferrer tag-juana-m-adrover tag-sofia-alonso\" role=\"article\">\n\t\t<figure class=\"post-gallery\"><img loading=\"lazy\" decoding=\"async\" width=\"600\" height=\"400\" src=\"https:\/\/www.psib-psoe.org\/mallorca\/wp-content\/uploads\/Ple-120226-600x400.jpeg\" class=\"attachment-notio-general-x2 size-notio-general-x2 wp-post-image\" alt=\"\" srcset=\"https:\/\/www.psib-psoe.org\/mallorca\/wp-content\/uploads\/Ple-120226-600x400.jpeg 600w, https:\/\/www.psib-psoe.org\/mallorca\/wp-content\/uploads\/Ple-120226-300x200.jpeg 300w, https:\/\/www.psib-psoe.org\/mallorca\/wp-content\/uploads\/Ple-120226-900x600.jpeg 900w, https:\/\/www.psib-psoe.org\/mallorca\/wp-content\/uploads\/Ple-120226-20x13.jpeg 20w\" sizes=\"(max-width: 600px) 100vw, 600px\" \/><\/figure>\n\t\t<div class=\"blog-top\">\n\t\t\t<header class=\"post-title entry-header\">\n\t\t\t\t<aside class=\"post-meta cf\">\n\t\t13\/02\/2026 \/ <a href=\"https:\/\/www.psib-psoe.org\/mallorca\/category\/federacio-de-mallorca\/\" rel=\"category tag\">Federaci\u00f3 de Mallorca<\/a>, <a href=\"https:\/\/www.psib-psoe.org\/mallorca\/category\/federacio-de-mallorca-portada\/\" rel=\"category tag\">Federaci\u00f3 de Mallorca - Portada<\/a>, <a href=\"https:\/\/www.psib-psoe.org\/mallorca\/category\/municipis\/\" rel=\"category tag\">Municipis<\/a>, <a href=\"https:\/\/www.psib-psoe.org\/mallorca\/category\/portada\/\" rel=\"category tag\">Portada<\/a><\/aside>\n\t\t\t\t<h3 itemprop=\"headline\"><a href=\"https:\/\/www.psib-psoe.org\/mallorca\/el-grup-socialista-denuncia-el-pis-dallotjament-vacacional-de-palma-detectat-la-setmana-passada-a-inspeccio-turistica-que-demostra-la-inaccio-del-consell-de-mallorca-davant-el-lloguer-turist\/\" title=\"El Grup Socialista denuncia el pis d\u2019allotjament vacacional de Palma detectat la setmana passada a Inspecci\u00f3 Tur\u00edstica, que demostra la inacci\u00f3 del Consell de Mallorca davant el lloguer tur\u00edstic il\u00b7legal.\">El Grup Socialista denuncia el pis d\u2019allotjament vacacional de Palma detectat la setmana passada a Inspecci\u00f3 Tur\u00edstica, que demostra la inacci\u00f3 del Consell de Mallorca davant el lloguer tur\u00edstic il\u00b7legal.<\/a><\/h3>\n\t\t\t<\/header>\n\t\t<\/div>\n\t\t<div class=\"post-content\">\n\t\t\t<a href=\"https:\/\/www.psib-psoe.org\/mallorca\/el-grup-socialista-denuncia-el-pis-dallotjament-vacacional-de-palma-detectat-la-setmana-passada-a-inspeccio-turistica-que-demostra-la-inaccio-del-consell-de-mallorca-davant-el-lloguer-turist\/\" class=\"more-link\">Read More<\/a>\n\t\t<\/div>\n\t\t\t<aside class=\"post-bottom-meta hide\">\n\t\t<strong rel=\"author\" itemprop=\"author\" class=\"author vcard\"><span class=\"fn\">Albert<\/span><\/strong>\n\t\t<time class=\"date published time\" datetime=\"2026-02-13T13:13:26+02:00\" itemprop=\"datePublished\" content=\"2026-02-13T13:13:26+02:00\">13\/02\/2026<\/time>\n\t\t<meta itemprop=\"dateModified\" class=\"date updated\" content=\"2026-02-13T13:13:40+02:00\">\n\t\t<span class=\"hide\" itemprop=\"publisher\" itemscope itemtype=\"https:\/\/schema.org\/Organization\">\n\t\t\t<meta itemprop=\"name\" content=\"SocialistesdMca\">\n\t\t\t<span itemprop=\"logo\" itemscope itemtype=\"https:\/\/schema.org\/ImageObject\">\n\t\t\t\t<meta itemprop=\"url\" content=\"https:\/\/www.psib-psoe.org\/mallorca\/wp-content\/themes\/notio-wp\/assets\/img\/logo.png\">\n\t\t\t<\/span>\n\t\t\t<meta itemprop=\"url\" content=\"https:\/\/www.psib-psoe.org\/mallorca\/\">\n\t\t<\/span>\n\t\t\t\t<span class=\"hide\" itemprop=\"image\" itemscope itemtype=\"http:\/\/schema.org\/ImageObject\">\n\t\t\t<meta itemprop=\"url\" content=\"https:\/\/www.psib-psoe.org\/mallorca\/wp-content\/uploads\/Ple-120226.jpeg\">\n\t\t\t<meta itemprop=\"width\" content=\"1600\">\n\t\t\t<meta itemprop=\"height\" content=\"1200\">\n\t\t<\/span>\n\t\t\t\t<meta itemscope itemprop=\"mainEntityOfPage\" itemtype=\"https:\/\/schema.org\/WebPage\" itemid=\"https:\/\/www.psib-psoe.org\/mallorca\/el-grup-socialista-denuncia-el-pis-dallotjament-vacacional-de-palma-detectat-la-setmana-passada-a-inspeccio-turistica-que-demostra-la-inaccio-del-consell-de-mallorca-davant-el-lloguer-turist\/\">\n\t<\/aside>\n\t\t<\/article>\n<\/div>\n<div class=\"small-12 large-4 columns\">\n\t<article itemscope itemtype=\"http:\/\/schema.org\/Article\" class=\"post blog-style7 alt post-30971 type-post status-publish format-standard has-post-thumbnail hentry category-federacio-de-mallorca category-federacio-de-mallorca-portada category-municipis category-portada tag-amanda-fernandez tag-habitatge tag-jaume-mateu tag-mercedes-garrido tag-soller-2\" role=\"article\">\n\t\t<figure class=\"post-gallery\"><img loading=\"lazy\" decoding=\"async\" width=\"600\" height=\"400\" src=\"https:\/\/www.psib-psoe.org\/mallorca\/wp-content\/uploads\/WhatsApp-Image-2026-02-13-at-11.02.46-600x400.jpeg\" class=\"attachment-notio-general-x2 size-notio-general-x2 wp-post-image\" alt=\"\" srcset=\"https:\/\/www.psib-psoe.org\/mallorca\/wp-content\/uploads\/WhatsApp-Image-2026-02-13-at-11.02.46-600x400.jpeg 600w, https:\/\/www.psib-psoe.org\/mallorca\/wp-content\/uploads\/WhatsApp-Image-2026-02-13-at-11.02.46-300x200.jpeg 300w, https:\/\/www.psib-psoe.org\/mallorca\/wp-content\/uploads\/WhatsApp-Image-2026-02-13-at-11.02.46-900x600.jpeg 900w, https:\/\/www.psib-psoe.org\/mallorca\/wp-content\/uploads\/WhatsApp-Image-2026-02-13-at-11.02.46-20x13.jpeg 20w\" sizes=\"(max-width: 600px) 100vw, 600px\" \/><\/figure>\n\t\t<div class=\"blog-top\">\n\t\t\t<header class=\"post-title entry-header\">\n\t\t\t\t<aside class=\"post-meta cf\">\n\t\t13\/02\/2026 \/ <a href=\"https:\/\/www.psib-psoe.org\/mallorca\/category\/federacio-de-mallorca\/\" rel=\"category tag\">Federaci\u00f3 de Mallorca<\/a>, <a href=\"https:\/\/www.psib-psoe.org\/mallorca\/category\/federacio-de-mallorca-portada\/\" rel=\"category tag\">Federaci\u00f3 de Mallorca - Portada<\/a>, <a href=\"https:\/\/www.psib-psoe.org\/mallorca\/category\/municipis\/\" rel=\"category tag\">Municipis<\/a>, <a href=\"https:\/\/www.psib-psoe.org\/mallorca\/category\/portada\/\" rel=\"category tag\">Portada<\/a><\/aside>\n\t\t\t\t<h3 itemprop=\"headline\"><a href=\"https:\/\/www.psib-psoe.org\/mallorca\/limitacio-de-preus-increment-del-parc-public-dhabitatge-i-lluita-contra-el-lloguer-turistic-illegal-principals-propostes-recollides-pels-socialistes-de-soller-per-afrontar-la-manca-d\/\" title=\"Limitaci\u00f3 de preus, increment del parc p\u00fablic d\u2019habitatge i lluita contra el lloguer tur\u00edstic il\u00b7legal, principals propostes recollides pels Socialistes de S\u00f3ller per afrontar la manca d\u2019habitatge\">Limitaci\u00f3 de preus, increment del parc p\u00fablic d\u2019habitatge i lluita contra el lloguer tur\u00edstic il\u00b7legal, principals propostes recollides pels Socialistes de S\u00f3ller per afrontar la manca d\u2019habitatge<\/a><\/h3>\n\t\t\t<\/header>\n\t\t<\/div>\n\t\t<div class=\"post-content\">\n\t\t\t<a href=\"https:\/\/www.psib-psoe.org\/mallorca\/limitacio-de-preus-increment-del-parc-public-dhabitatge-i-lluita-contra-el-lloguer-turistic-illegal-principals-propostes-recollides-pels-socialistes-de-soller-per-afrontar-la-manca-d\/\" class=\"more-link\">Read More<\/a>\n\t\t<\/div>\n\t\t\t<aside class=\"post-bottom-meta hide\">\n\t\t<strong rel=\"author\" itemprop=\"author\" class=\"author vcard\"><span class=\"fn\">Albert<\/span><\/strong>\n\t\t<time class=\"date published time\" datetime=\"2026-02-13T12:40:26+02:00\" itemprop=\"datePublished\" content=\"2026-02-13T12:40:26+02:00\">13\/02\/2026<\/time>\n\t\t<meta itemprop=\"dateModified\" class=\"date updated\" content=\"2026-02-13T12:40:38+02:00\">\n\t\t<span class=\"hide\" itemprop=\"publisher\" itemscope itemtype=\"https:\/\/schema.org\/Organization\">\n\t\t\t<meta itemprop=\"name\" content=\"SocialistesdMca\">\n\t\t\t<span itemprop=\"logo\" itemscope itemtype=\"https:\/\/schema.org\/ImageObject\">\n\t\t\t\t<meta itemprop=\"url\" content=\"https:\/\/www.psib-psoe.org\/mallorca\/wp-content\/themes\/notio-wp\/assets\/img\/logo.png\">\n\t\t\t<\/span>\n\t\t\t<meta itemprop=\"url\" content=\"https:\/\/www.psib-psoe.org\/mallorca\/\">\n\t\t<\/span>\n\t\t\t\t<span class=\"hide\" itemprop=\"image\" itemscope itemtype=\"http:\/\/schema.org\/ImageObject\">\n\t\t\t<meta itemprop=\"url\" content=\"https:\/\/www.psib-psoe.org\/mallorca\/wp-content\/uploads\/WhatsApp-Image-2026-02-13-at-11.02.46.jpeg\">\n\t\t\t<meta itemprop=\"width\" content=\"1600\">\n\t\t\t<meta itemprop=\"height\" content=\"1200\">\n\t\t<\/span>\n\t\t\t\t<meta itemscope itemprop=\"mainEntityOfPage\" itemtype=\"https:\/\/schema.org\/WebPage\" itemid=\"https:\/\/www.psib-psoe.org\/mallorca\/limitacio-de-preus-increment-del-parc-public-dhabitatge-i-lluita-contra-el-lloguer-turistic-illegal-principals-propostes-recollides-pels-socialistes-de-soller-per-afrontar-la-manca-d\/\">\n\t<\/aside>\n\t\t<\/article>\n<\/div>\n<div class=\"small-12 large-4 columns\">\n\t<article itemscope itemtype=\"http:\/\/schema.org\/Article\" class=\"post blog-style7 alt post-30968 type-post status-publish format-standard has-post-thumbnail hentry category-federacio-de-mallorca category-federacio-de-mallorca-portada category-municipis category-portada tag-agrupacio-socialista-de-llucmajor tag-amanda-fernandez tag-elsa-herranz tag-federacio-socialista-de-mallorca tag-jaume-j-oliver-2\" role=\"article\">\n\t\t<figure class=\"post-gallery\"><img loading=\"lazy\" decoding=\"async\" width=\"600\" height=\"400\" src=\"https:\/\/www.psib-psoe.org\/mallorca\/wp-content\/uploads\/Ple-fems-291025-2-600x400.jpeg\" class=\"attachment-notio-general-x2 size-notio-general-x2 wp-post-image\" alt=\"\" srcset=\"https:\/\/www.psib-psoe.org\/mallorca\/wp-content\/uploads\/Ple-fems-291025-2-600x400.jpeg 600w, https:\/\/www.psib-psoe.org\/mallorca\/wp-content\/uploads\/Ple-fems-291025-2-300x200.jpeg 300w, https:\/\/www.psib-psoe.org\/mallorca\/wp-content\/uploads\/Ple-fems-291025-2-900x600.jpeg 900w, https:\/\/www.psib-psoe.org\/mallorca\/wp-content\/uploads\/Ple-fems-291025-2-20x13.jpeg 20w\" sizes=\"(max-width: 600px) 100vw, 600px\" \/><\/figure>\n\t\t<div class=\"blog-top\">\n\t\t\t<header class=\"post-title entry-header\">\n\t\t\t\t<aside class=\"post-meta cf\">\n\t\t13\/02\/2026 \/ <a href=\"https:\/\/www.psib-psoe.org\/mallorca\/category\/federacio-de-mallorca\/\" rel=\"category tag\">Federaci\u00f3 de Mallorca<\/a>, <a href=\"https:\/\/www.psib-psoe.org\/mallorca\/category\/federacio-de-mallorca-portada\/\" rel=\"category tag\">Federaci\u00f3 de Mallorca - Portada<\/a>, <a href=\"https:\/\/www.psib-psoe.org\/mallorca\/category\/municipis\/\" rel=\"category tag\">Municipis<\/a>, <a href=\"https:\/\/www.psib-psoe.org\/mallorca\/category\/portada\/\" rel=\"category tag\">Portada<\/a><\/aside>\n\t\t\t\t<h3 itemprop=\"headline\"><a href=\"https:\/\/www.psib-psoe.org\/mallorca\/lajuntament-de-llucmajor-descuida-la-seguretat-publica-del-municipi-i-precaritza-la-policia-local\/\" title=\"L\u2019Ajuntament de Llucmajor descuida la seguretat p\u00fablica del municipi i precaritza la Policia Local.\">L\u2019Ajuntament de Llucmajor descuida la seguretat p\u00fablica del municipi i precaritza la Policia Local.<\/a><\/h3>\n\t\t\t<\/header>\n\t\t<\/div>\n\t\t<div class=\"post-content\">\n\t\t\t<a href=\"https:\/\/www.psib-psoe.org\/mallorca\/lajuntament-de-llucmajor-descuida-la-seguretat-publica-del-municipi-i-precaritza-la-policia-local\/\" class=\"more-link\">Read More<\/a>\n\t\t<\/div>\n\t\t\t<aside class=\"post-bottom-meta hide\">\n\t\t<strong rel=\"author\" itemprop=\"author\" class=\"author vcard\"><span class=\"fn\">Albert<\/span><\/strong>\n\t\t<time class=\"date published time\" datetime=\"2026-02-13T11:43:37+02:00\" itemprop=\"datePublished\" content=\"2026-02-13T11:43:37+02:00\">13\/02\/2026<\/time>\n\t\t<meta itemprop=\"dateModified\" class=\"date updated\" content=\"2026-02-13T11:43:49+02:00\">\n\t\t<span class=\"hide\" itemprop=\"publisher\" itemscope itemtype=\"https:\/\/schema.org\/Organization\">\n\t\t\t<meta itemprop=\"name\" content=\"SocialistesdMca\">\n\t\t\t<span itemprop=\"logo\" itemscope itemtype=\"https:\/\/schema.org\/ImageObject\">\n\t\t\t\t<meta itemprop=\"url\" content=\"https:\/\/www.psib-psoe.org\/mallorca\/wp-content\/themes\/notio-wp\/assets\/img\/logo.png\">\n\t\t\t<\/span>\n\t\t\t<meta itemprop=\"url\" content=\"https:\/\/www.psib-psoe.org\/mallorca\/\">\n\t\t<\/span>\n\t\t\t\t<span class=\"hide\" itemprop=\"image\" itemscope itemtype=\"http:\/\/schema.org\/ImageObject\">\n\t\t\t<meta itemprop=\"url\" content=\"https:\/\/www.psib-psoe.org\/mallorca\/wp-content\/uploads\/Ple-fems-291025-2.jpeg\">\n\t\t\t<meta itemprop=\"width\" content=\"1024\">\n\t\t\t<meta itemprop=\"height\" content=\"768\">\n\t\t<\/span>\n\t\t\t\t<meta itemscope itemprop=\"mainEntityOfPage\" itemtype=\"https:\/\/schema.org\/WebPage\" itemid=\"https:\/\/www.psib-psoe.org\/mallorca\/lajuntament-de-llucmajor-descuida-la-seguretat-publica-del-municipi-i-precaritza-la-policia-local\/\">\n\t<\/aside>\n\t\t<\/article>\n<\/div>\n<div class=\"small-12 large-4 columns\">\n\t<article itemscope itemtype=\"http:\/\/schema.org\/Article\" class=\"post blog-style7 alt post-30962 type-post status-publish format-standard has-post-thumbnail hentry category-federacio-de-mallorca category-federacio-de-mallorca-portada category-municipis category-portada tag-agrupacio-socialista-dalcudia tag-agui-lobo tag-amanda-fernandez tag-barbara-rebassa tag-federacio-socialista-de-mallorca tag-joan-gaspar-vallori\" role=\"article\">\n\t\t<figure class=\"post-gallery\"><img loading=\"lazy\" decoding=\"async\" width=\"600\" height=\"400\" src=\"https:\/\/www.psib-psoe.org\/mallorca\/wp-content\/uploads\/Ple-pressupostos-3-600x400.jpeg\" class=\"attachment-notio-general-x2 size-notio-general-x2 wp-post-image\" alt=\"\" srcset=\"https:\/\/www.psib-psoe.org\/mallorca\/wp-content\/uploads\/Ple-pressupostos-3-600x400.jpeg 600w, https:\/\/www.psib-psoe.org\/mallorca\/wp-content\/uploads\/Ple-pressupostos-3-300x200.jpeg 300w, https:\/\/www.psib-psoe.org\/mallorca\/wp-content\/uploads\/Ple-pressupostos-3-900x600.jpeg 900w, https:\/\/www.psib-psoe.org\/mallorca\/wp-content\/uploads\/Ple-pressupostos-3-20x13.jpeg 20w\" sizes=\"(max-width: 600px) 100vw, 600px\" \/><\/figure>\n\t\t<div class=\"blog-top\">\n\t\t\t<header class=\"post-title entry-header\">\n\t\t\t\t<aside class=\"post-meta cf\">\n\t\t13\/02\/2026 \/ <a href=\"https:\/\/www.psib-psoe.org\/mallorca\/category\/federacio-de-mallorca\/\" rel=\"category tag\">Federaci\u00f3 de Mallorca<\/a>, <a href=\"https:\/\/www.psib-psoe.org\/mallorca\/category\/federacio-de-mallorca-portada\/\" rel=\"category tag\">Federaci\u00f3 de Mallorca - Portada<\/a>, <a href=\"https:\/\/www.psib-psoe.org\/mallorca\/category\/municipis\/\" rel=\"category tag\">Municipis<\/a>, <a href=\"https:\/\/www.psib-psoe.org\/mallorca\/category\/portada\/\" rel=\"category tag\">Portada<\/a><\/aside>\n\t\t\t\t<h3 itemprop=\"headline\"><a href=\"https:\/\/www.psib-psoe.org\/mallorca\/lajuntament-dalcudia-signa-contractes-dobra-sense-partida-pressupostaria-per-valor-de-20-milions-deuros\/\" title=\"L\u2019Ajuntament d\u2019Alc\u00fadia signa contractes d\u2019obra sense partida pressupost\u00e0ria per valor de 20 milions d\u2019euros.\">L\u2019Ajuntament d\u2019Alc\u00fadia signa contractes d\u2019obra sense partida pressupost\u00e0ria per valor de 20 milions d\u2019euros.<\/a><\/h3>\n\t\t\t<\/header>\n\t\t<\/div>\n\t\t<div class=\"post-content\">\n\t\t\t<a href=\"https:\/\/www.psib-psoe.org\/mallorca\/lajuntament-dalcudia-signa-contractes-dobra-sense-partida-pressupostaria-per-valor-de-20-milions-deuros\/\" class=\"more-link\">Read More<\/a>\n\t\t<\/div>\n\t\t\t<aside class=\"post-bottom-meta hide\">\n\t\t<strong rel=\"author\" itemprop=\"author\" class=\"author vcard\"><span class=\"fn\">Albert<\/span><\/strong>\n\t\t<time class=\"date published time\" datetime=\"2026-02-13T11:34:21+02:00\" itemprop=\"datePublished\" content=\"2026-02-13T11:34:21+02:00\">13\/02\/2026<\/time>\n\t\t<meta itemprop=\"dateModified\" class=\"date updated\" content=\"2026-02-13T11:34:33+02:00\">\n\t\t<span class=\"hide\" itemprop=\"publisher\" itemscope itemtype=\"https:\/\/schema.org\/Organization\">\n\t\t\t<meta itemprop=\"name\" content=\"SocialistesdMca\">\n\t\t\t<span itemprop=\"logo\" itemscope itemtype=\"https:\/\/schema.org\/ImageObject\">\n\t\t\t\t<meta itemprop=\"url\" content=\"https:\/\/www.psib-psoe.org\/mallorca\/wp-content\/themes\/notio-wp\/assets\/img\/logo.png\">\n\t\t\t<\/span>\n\t\t\t<meta itemprop=\"url\" content=\"https:\/\/www.psib-psoe.org\/mallorca\/\">\n\t\t<\/span>\n\t\t\t\t<span class=\"hide\" itemprop=\"image\" itemscope itemtype=\"http:\/\/schema.org\/ImageObject\">\n\t\t\t<meta itemprop=\"url\" content=\"https:\/\/www.psib-psoe.org\/mallorca\/wp-content\/uploads\/Ple-pressupostos-3.jpeg\">\n\t\t\t<meta itemprop=\"width\" content=\"1170\">\n\t\t\t<meta itemprop=\"height\" content=\"634\">\n\t\t<\/span>\n\t\t\t\t<meta itemscope itemprop=\"mainEntityOfPage\" itemtype=\"https:\/\/schema.org\/WebPage\" itemid=\"https:\/\/www.psib-psoe.org\/mallorca\/lajuntament-dalcudia-signa-contractes-dobra-sense-partida-pressupostaria-per-valor-de-20-milions-deuros\/\">\n\t<\/aside>\n\t\t<\/article>\n<\/div>\n<div class=\"small-12 large-4 columns\">\n\t<article itemscope itemtype=\"http:\/\/schema.org\/Article\" class=\"post blog-style7 alt post-30959 type-post status-publish format-standard has-post-thumbnail hentry category-federacio-de-mallorca category-federacio-de-mallorca-portada category-municipis category-portada tag-amanda-fernandez tag-andreu-serra tag-ares-fernandez tag-catalina-cladera tag-consell-de-mallorca tag-federacio-socialista-de-mallorca tag-joan-ferrer tag-juana-m-adrover tag-sofia-alonso\" role=\"article\">\n\t\t<figure class=\"post-gallery\"><img loading=\"lazy\" decoding=\"async\" width=\"600\" height=\"400\" src=\"https:\/\/www.psib-psoe.org\/mallorca\/wp-content\/uploads\/Ple-120226-600x400.jpeg\" class=\"attachment-notio-general-x2 size-notio-general-x2 wp-post-image\" alt=\"\" srcset=\"https:\/\/www.psib-psoe.org\/mallorca\/wp-content\/uploads\/Ple-120226-600x400.jpeg 600w, https:\/\/www.psib-psoe.org\/mallorca\/wp-content\/uploads\/Ple-120226-300x200.jpeg 300w, https:\/\/www.psib-psoe.org\/mallorca\/wp-content\/uploads\/Ple-120226-900x600.jpeg 900w, https:\/\/www.psib-psoe.org\/mallorca\/wp-content\/uploads\/Ple-120226-20x13.jpeg 20w\" sizes=\"(max-width: 600px) 100vw, 600px\" \/><\/figure>\n\t\t<div class=\"blog-top\">\n\t\t\t<header class=\"post-title entry-header\">\n\t\t\t\t<aside class=\"post-meta cf\">\n\t\t12\/02\/2026 \/ <a href=\"https:\/\/www.psib-psoe.org\/mallorca\/category\/federacio-de-mallorca\/\" rel=\"category tag\">Federaci\u00f3 de Mallorca<\/a>, <a href=\"https:\/\/www.psib-psoe.org\/mallorca\/category\/federacio-de-mallorca-portada\/\" rel=\"category tag\">Federaci\u00f3 de Mallorca - Portada<\/a>, <a href=\"https:\/\/www.psib-psoe.org\/mallorca\/category\/municipis\/\" rel=\"category tag\">Municipis<\/a>, <a href=\"https:\/\/www.psib-psoe.org\/mallorca\/category\/portada\/\" rel=\"category tag\">Portada<\/a><\/aside>\n\t\t\t\t<h3 itemprop=\"headline\"><a href=\"https:\/\/www.psib-psoe.org\/mallorca\/el-ppvox-mante-laposta-per-la-zona-escolar-unica-a-mallorca-en-contra-del-criteri-del-consell-escolar\/\" title=\"El PPVox mant\u00e9 l\u2019aposta per la zona escolar \u00fanica a Mallorca en contra del criteri del Consell Escolar.\">El PPVox mant\u00e9 l\u2019aposta per la zona escolar \u00fanica a Mallorca en contra del criteri del Consell Escolar.<\/a><\/h3>\n\t\t\t<\/header>\n\t\t<\/div>\n\t\t<div class=\"post-content\">\n\t\t\t<a href=\"https:\/\/www.psib-psoe.org\/mallorca\/el-ppvox-mante-laposta-per-la-zona-escolar-unica-a-mallorca-en-contra-del-criteri-del-consell-escolar\/\" class=\"more-link\">Read More<\/a>\n\t\t<\/div>\n\t\t\t<aside class=\"post-bottom-meta hide\">\n\t\t<strong rel=\"author\" itemprop=\"author\" class=\"author vcard\"><span class=\"fn\">Albert<\/span><\/strong>\n\t\t<time class=\"date published time\" datetime=\"2026-02-12T17:45:53+02:00\" itemprop=\"datePublished\" content=\"2026-02-12T17:45:53+02:00\">12\/02\/2026<\/time>\n\t\t<meta itemprop=\"dateModified\" class=\"date updated\" content=\"2026-02-12T17:46:05+02:00\">\n\t\t<span class=\"hide\" itemprop=\"publisher\" itemscope itemtype=\"https:\/\/schema.org\/Organization\">\n\t\t\t<meta itemprop=\"name\" content=\"SocialistesdMca\">\n\t\t\t<span itemprop=\"logo\" itemscope itemtype=\"https:\/\/schema.org\/ImageObject\">\n\t\t\t\t<meta itemprop=\"url\" content=\"https:\/\/www.psib-psoe.org\/mallorca\/wp-content\/themes\/notio-wp\/assets\/img\/logo.png\">\n\t\t\t<\/span>\n\t\t\t<meta itemprop=\"url\" content=\"https:\/\/www.psib-psoe.org\/mallorca\/\">\n\t\t<\/span>\n\t\t\t\t<span class=\"hide\" itemprop=\"image\" itemscope itemtype=\"http:\/\/schema.org\/ImageObject\">\n\t\t\t<meta itemprop=\"url\" content=\"https:\/\/www.psib-psoe.org\/mallorca\/wp-content\/uploads\/Ple-120226.jpeg\">\n\t\t\t<meta itemprop=\"width\" content=\"1600\">\n\t\t\t<meta itemprop=\"height\" content=\"1200\">\n\t\t<\/span>\n\t\t\t\t<meta itemscope itemprop=\"mainEntityOfPage\" itemtype=\"https:\/\/schema.org\/WebPage\" itemid=\"https:\/\/www.psib-psoe.org\/mallorca\/el-ppvox-mante-laposta-per-la-zona-escolar-unica-a-mallorca-en-contra-del-criteri-del-consell-escolar\/\">\n\t<\/aside>\n\t\t<\/article>\n<\/div>\n<div class=\"small-12 large-4 columns\">\n\t<article itemscope itemtype=\"http:\/\/schema.org\/Article\" class=\"post blog-style7 alt post-30954 type-post status-publish format-standard has-post-thumbnail hentry category-consell-de-mallorca category-federacio-de-mallorca category-federacio-de-mallorca-portada category-portada tag-agrupacio-socialista-dandratx tag-amanda-fernandez tag-antoni-mir tag-ares-fernandez tag-consell-de-mallorca tag-enaitz-inan tag-federacio-socialista-de-mallorca tag-joan-mendez tag-tolo-aguilar\" role=\"article\">\n\t\t<figure class=\"post-gallery\"><img loading=\"lazy\" decoding=\"async\" width=\"600\" height=\"400\" src=\"https:\/\/www.psib-psoe.org\/mallorca\/wp-content\/uploads\/Ple-Andratx-1-600x400.jpeg\" class=\"attachment-notio-general-x2 size-notio-general-x2 wp-post-image\" alt=\"\" srcset=\"https:\/\/www.psib-psoe.org\/mallorca\/wp-content\/uploads\/Ple-Andratx-1-600x400.jpeg 600w, https:\/\/www.psib-psoe.org\/mallorca\/wp-content\/uploads\/Ple-Andratx-1-300x200.jpeg 300w, https:\/\/www.psib-psoe.org\/mallorca\/wp-content\/uploads\/Ple-Andratx-1-900x600.jpeg 900w, https:\/\/www.psib-psoe.org\/mallorca\/wp-content\/uploads\/Ple-Andratx-1-20x13.jpeg 20w\" sizes=\"(max-width: 600px) 100vw, 600px\" \/><\/figure>\n\t\t<div class=\"blog-top\">\n\t\t\t<header class=\"post-title entry-header\">\n\t\t\t\t<aside class=\"post-meta cf\">\n\t\t12\/02\/2026 \/ <a href=\"https:\/\/www.psib-psoe.org\/mallorca\/category\/consell-de-mallorca\/\" rel=\"category tag\">Consell de Mallorca<\/a>, <a href=\"https:\/\/www.psib-psoe.org\/mallorca\/category\/federacio-de-mallorca\/\" rel=\"category tag\">Federaci\u00f3 de Mallorca<\/a>, <a href=\"https:\/\/www.psib-psoe.org\/mallorca\/category\/federacio-de-mallorca-portada\/\" rel=\"category tag\">Federaci\u00f3 de Mallorca - Portada<\/a>, <a href=\"https:\/\/www.psib-psoe.org\/mallorca\/category\/portada\/\" rel=\"category tag\">Portada<\/a><\/aside>\n\t\t\t\t<h3 itemprop=\"headline\"><a href=\"https:\/\/www.psib-psoe.org\/mallorca\/els-socialistes-dandratx-denuncien-que-la-batlessa-estefania-gonzalvo-pp-ha-incomplert-el-compromis-dobrir-de-manera-permanent-les-oficines-dinformacio-turistica\/\" title=\"Els Socialistes d\u2019Andratx denuncien que la batlessa Estefania Gonzalvo (PP) ha incomplert el comprom\u00eds d\u2019obrir de manera permanent les oficines d\u2019informaci\u00f3 tur\u00edstica.\">Els Socialistes d\u2019Andratx denuncien que la batlessa Estefania Gonzalvo (PP) ha incomplert el comprom\u00eds d\u2019obrir de manera permanent les oficines d\u2019informaci\u00f3 tur\u00edstica.<\/a><\/h3>\n\t\t\t<\/header>\n\t\t<\/div>\n\t\t<div class=\"post-content\">\n\t\t\t<a href=\"https:\/\/www.psib-psoe.org\/mallorca\/els-socialistes-dandratx-denuncien-que-la-batlessa-estefania-gonzalvo-pp-ha-incomplert-el-compromis-dobrir-de-manera-permanent-les-oficines-dinformacio-turistica\/\" class=\"more-link\">Read More<\/a>\n\t\t<\/div>\n\t\t\t<aside class=\"post-bottom-meta hide\">\n\t\t<strong rel=\"author\" itemprop=\"author\" class=\"author vcard\"><span class=\"fn\">Albert<\/span><\/strong>\n\t\t<time class=\"date published time\" datetime=\"2026-02-12T13:27:05+02:00\" itemprop=\"datePublished\" content=\"2026-02-12T13:27:05+02:00\">12\/02\/2026<\/time>\n\t\t<meta itemprop=\"dateModified\" class=\"date updated\" content=\"2026-02-12T13:27:17+02:00\">\n\t\t<span class=\"hide\" itemprop=\"publisher\" itemscope itemtype=\"https:\/\/schema.org\/Organization\">\n\t\t\t<meta itemprop=\"name\" content=\"SocialistesdMca\">\n\t\t\t<span itemprop=\"logo\" itemscope itemtype=\"https:\/\/schema.org\/ImageObject\">\n\t\t\t\t<meta itemprop=\"url\" content=\"https:\/\/www.psib-psoe.org\/mallorca\/wp-content\/themes\/notio-wp\/assets\/img\/logo.png\">\n\t\t\t<\/span>\n\t\t\t<meta itemprop=\"url\" content=\"https:\/\/www.psib-psoe.org\/mallorca\/\">\n\t\t<\/span>\n\t\t\t\t<span class=\"hide\" itemprop=\"image\" itemscope itemtype=\"http:\/\/schema.org\/ImageObject\">\n\t\t\t<meta itemprop=\"url\" content=\"https:\/\/www.psib-psoe.org\/mallorca\/wp-content\/uploads\/Ple-Andratx-1.jpeg\">\n\t\t\t<meta itemprop=\"width\" content=\"2048\">\n\t\t\t<meta itemprop=\"height\" content=\"1536\">\n\t\t<\/span>\n\t\t\t\t<meta itemscope itemprop=\"mainEntityOfPage\" itemtype=\"https:\/\/schema.org\/WebPage\" itemid=\"https:\/\/www.psib-psoe.org\/mallorca\/els-socialistes-dandratx-denuncien-que-la-batlessa-estefania-gonzalvo-pp-ha-incomplert-el-compromis-dobrir-de-manera-permanent-les-oficines-dinformacio-turistica\/\">\n\t<\/aside>\n\t\t<\/article>\n<\/div>\n<div class=\"small-12 large-4 columns\">\n\t<article itemscope itemtype=\"http:\/\/schema.org\/Article\" class=\"post blog-style7 alt post-30950 type-post status-publish format-standard has-post-thumbnail hentry category-federacio-de-mallorca category-federacio-de-mallorca-portada category-municipis category-portada tag-amanda-fernandez tag-andreu-serra tag-ares-fernandez tag-catalina-cladera tag-consell-de-mallorca tag-federacio-socialista-de-mallorca tag-joan-ferrer tag-juana-m-adrover tag-sofia-alonso\" role=\"article\">\n\t\t<figure class=\"post-gallery\"><img loading=\"lazy\" decoding=\"async\" width=\"600\" height=\"400\" src=\"https:\/\/www.psib-psoe.org\/mallorca\/wp-content\/uploads\/Joana-Maria-Adrover-1-600x400.jpg\" class=\"attachment-notio-general-x2 size-notio-general-x2 wp-post-image\" alt=\"\" srcset=\"https:\/\/www.psib-psoe.org\/mallorca\/wp-content\/uploads\/Joana-Maria-Adrover-1-600x400.jpg 600w, https:\/\/www.psib-psoe.org\/mallorca\/wp-content\/uploads\/Joana-Maria-Adrover-1-300x200.jpg 300w, https:\/\/www.psib-psoe.org\/mallorca\/wp-content\/uploads\/Joana-Maria-Adrover-1-900x600.jpg 900w, https:\/\/www.psib-psoe.org\/mallorca\/wp-content\/uploads\/Joana-Maria-Adrover-1-20x13.jpg 20w\" sizes=\"(max-width: 600px) 100vw, 600px\" \/><\/figure>\n\t\t<div class=\"blog-top\">\n\t\t\t<header class=\"post-title entry-header\">\n\t\t\t\t<aside class=\"post-meta cf\">\n\t\t11\/02\/2026 \/ <a href=\"https:\/\/www.psib-psoe.org\/mallorca\/category\/federacio-de-mallorca\/\" rel=\"category tag\">Federaci\u00f3 de Mallorca<\/a>, <a href=\"https:\/\/www.psib-psoe.org\/mallorca\/category\/federacio-de-mallorca-portada\/\" rel=\"category tag\">Federaci\u00f3 de Mallorca - Portada<\/a>, <a href=\"https:\/\/www.psib-psoe.org\/mallorca\/category\/municipis\/\" rel=\"category tag\">Municipis<\/a>, <a href=\"https:\/\/www.psib-psoe.org\/mallorca\/category\/portada\/\" rel=\"category tag\">Portada<\/a><\/aside>\n\t\t\t\t<h3 itemprop=\"headline\"><a href=\"https:\/\/www.psib-psoe.org\/mallorca\/el-grup-socialista-alerta-del-risc-innecessari-per-a-caminants-i-excursionistes-a-les-finques-publiques-del-consell-de-mallorca-si-shi-autoritza-la-practica-de-la-caca\/\" title=\"El Grup Socialista alerta del risc innecessari per a caminants i excursionistes a les finques p\u00fabliques del Consell de Mallorca si s\u2019hi autoritza la pr\u00e0ctica de la ca\u00e7a.\">El Grup Socialista alerta del risc innecessari per a caminants i excursionistes a les finques p\u00fabliques del Consell de Mallorca si s\u2019hi autoritza la pr\u00e0ctica de la ca\u00e7a.<\/a><\/h3>\n\t\t\t<\/header>\n\t\t<\/div>\n\t\t<div class=\"post-content\">\n\t\t\t<a href=\"https:\/\/www.psib-psoe.org\/mallorca\/el-grup-socialista-alerta-del-risc-innecessari-per-a-caminants-i-excursionistes-a-les-finques-publiques-del-consell-de-mallorca-si-shi-autoritza-la-practica-de-la-caca\/\" class=\"more-link\">Read More<\/a>\n\t\t<\/div>\n\t\t\t<aside class=\"post-bottom-meta hide\">\n\t\t<strong rel=\"author\" itemprop=\"author\" class=\"author vcard\"><span class=\"fn\">Albert<\/span><\/strong>\n\t\t<time class=\"date published time\" datetime=\"2026-02-11T21:36:38+02:00\" itemprop=\"datePublished\" content=\"2026-02-11T21:36:38+02:00\">11\/02\/2026<\/time>\n\t\t<meta itemprop=\"dateModified\" class=\"date updated\" content=\"2026-02-11T21:36:50+02:00\">\n\t\t<span class=\"hide\" itemprop=\"publisher\" itemscope itemtype=\"https:\/\/schema.org\/Organization\">\n\t\t\t<meta itemprop=\"name\" content=\"SocialistesdMca\">\n\t\t\t<span itemprop=\"logo\" itemscope itemtype=\"https:\/\/schema.org\/ImageObject\">\n\t\t\t\t<meta itemprop=\"url\" content=\"https:\/\/www.psib-psoe.org\/mallorca\/wp-content\/themes\/notio-wp\/assets\/img\/logo.png\">\n\t\t\t<\/span>\n\t\t\t<meta itemprop=\"url\" content=\"https:\/\/www.psib-psoe.org\/mallorca\/\">\n\t\t<\/span>\n\t\t\t\t<span class=\"hide\" itemprop=\"image\" itemscope itemtype=\"http:\/\/schema.org\/ImageObject\">\n\t\t\t<meta itemprop=\"url\" content=\"https:\/\/www.psib-psoe.org\/mallorca\/wp-content\/uploads\/Joana-Maria-Adrover-1.jpg\">\n\t\t\t<meta itemprop=\"width\" content=\"1066\">\n\t\t\t<meta itemprop=\"height\" content=\"1600\">\n\t\t<\/span>\n\t\t\t\t<meta itemscope itemprop=\"mainEntityOfPage\" itemtype=\"https:\/\/schema.org\/WebPage\" itemid=\"https:\/\/www.psib-psoe.org\/mallorca\/el-grup-socialista-alerta-del-risc-innecessari-per-a-caminants-i-excursionistes-a-les-finques-publiques-del-consell-de-mallorca-si-shi-autoritza-la-practica-de-la-caca\/\">\n\t<\/aside>\n\t\t<\/article>\n<\/div>\n<div class=\"small-12 large-4 columns\">\n\t<article itemscope itemtype=\"http:\/\/schema.org\/Article\" class=\"post blog-style7 alt post-30947 type-post status-publish format-standard has-post-thumbnail hentry category-federacio-de-mallorca category-federacio-de-mallorca-portada category-municipis category-portada tag-amanda-fernandez tag-andreu-serra tag-ares-fernandez tag-catalina-cladera tag-consell-de-mallorca tag-federacio-socialista-de-mallorca tag-joan-ferrer tag-juana-m-adrover tag-sofia-alonso\" role=\"article\">\n\t\t<figure class=\"post-gallery\"><img loading=\"lazy\" decoding=\"async\" width=\"600\" height=\"400\" src=\"https:\/\/www.psib-psoe.org\/mallorca\/wp-content\/uploads\/Grup-ple-Marcial-281025-edited-600x400.jpeg\" class=\"attachment-notio-general-x2 size-notio-general-x2 wp-post-image\" alt=\"\" srcset=\"https:\/\/www.psib-psoe.org\/mallorca\/wp-content\/uploads\/Grup-ple-Marcial-281025-edited-600x400.jpeg 600w, https:\/\/www.psib-psoe.org\/mallorca\/wp-content\/uploads\/Grup-ple-Marcial-281025-edited-300x200.jpeg 300w, https:\/\/www.psib-psoe.org\/mallorca\/wp-content\/uploads\/Grup-ple-Marcial-281025-edited-20x13.jpeg 20w\" sizes=\"(max-width: 600px) 100vw, 600px\" \/><\/figure>\n\t\t<div class=\"blog-top\">\n\t\t\t<header class=\"post-title entry-header\">\n\t\t\t\t<aside class=\"post-meta cf\">\n\t\t11\/02\/2026 \/ <a href=\"https:\/\/www.psib-psoe.org\/mallorca\/category\/federacio-de-mallorca\/\" rel=\"category tag\">Federaci\u00f3 de Mallorca<\/a>, <a href=\"https:\/\/www.psib-psoe.org\/mallorca\/category\/federacio-de-mallorca-portada\/\" rel=\"category tag\">Federaci\u00f3 de Mallorca - Portada<\/a>, <a href=\"https:\/\/www.psib-psoe.org\/mallorca\/category\/municipis\/\" rel=\"category tag\">Municipis<\/a>, <a href=\"https:\/\/www.psib-psoe.org\/mallorca\/category\/portada\/\" rel=\"category tag\">Portada<\/a><\/aside>\n\t\t\t\t<h3 itemprop=\"headline\"><a href=\"https:\/\/www.psib-psoe.org\/mallorca\/el-psib-psoe-denuncia-que-pp-vox-esta-desmantellant-la-mallorca-film-commission-i-posant-en-risc-la-industria-audiovisual\/\" title=\"El PSIB-PSOE denuncia que PP Vox est\u00e0 desmantellant la Mallorca Film Commission i posant en risc la ind\u00fastria audiovisual.\">El PSIB-PSOE denuncia que PP Vox est\u00e0 desmantellant la Mallorca Film Commission i posant en risc la ind\u00fastria audiovisual.<\/a><\/h3>\n\t\t\t<\/header>\n\t\t<\/div>\n\t\t<div class=\"post-content\">\n\t\t\t<a href=\"https:\/\/www.psib-psoe.org\/mallorca\/el-psib-psoe-denuncia-que-pp-vox-esta-desmantellant-la-mallorca-film-commission-i-posant-en-risc-la-industria-audiovisual\/\" class=\"more-link\">Read More<\/a>\n\t\t<\/div>\n\t\t\t<aside class=\"post-bottom-meta hide\">\n\t\t<strong rel=\"author\" itemprop=\"author\" class=\"author vcard\"><span class=\"fn\">Albert<\/span><\/strong>\n\t\t<time class=\"date published time\" datetime=\"2026-02-11T14:53:52+02:00\" itemprop=\"datePublished\" content=\"2026-02-11T14:53:52+02:00\">11\/02\/2026<\/time>\n\t\t<meta itemprop=\"dateModified\" class=\"date updated\" content=\"2026-02-11T14:54:05+02:00\">\n\t\t<span class=\"hide\" itemprop=\"publisher\" itemscope itemtype=\"https:\/\/schema.org\/Organization\">\n\t\t\t<meta itemprop=\"name\" content=\"SocialistesdMca\">\n\t\t\t<span itemprop=\"logo\" itemscope itemtype=\"https:\/\/schema.org\/ImageObject\">\n\t\t\t\t<meta itemprop=\"url\" content=\"https:\/\/www.psib-psoe.org\/mallorca\/wp-content\/themes\/notio-wp\/assets\/img\/logo.png\">\n\t\t\t<\/span>\n\t\t\t<meta itemprop=\"url\" content=\"https:\/\/www.psib-psoe.org\/mallorca\/\">\n\t\t<\/span>\n\t\t\t\t<span class=\"hide\" itemprop=\"image\" itemscope itemtype=\"http:\/\/schema.org\/ImageObject\">\n\t\t\t<meta itemprop=\"url\" content=\"https:\/\/www.psib-psoe.org\/mallorca\/wp-content\/uploads\/Grup-ple-Marcial-281025-edited.jpeg\">\n\t\t\t<meta itemprop=\"width\" content=\"1024\">\n\t\t\t<meta itemprop=\"height\" content=\"576\">\n\t\t<\/span>\n\t\t\t\t<meta itemscope itemprop=\"mainEntityOfPage\" itemtype=\"https:\/\/schema.org\/WebPage\" itemid=\"https:\/\/www.psib-psoe.org\/mallorca\/el-psib-psoe-denuncia-que-pp-vox-esta-desmantellant-la-mallorca-film-commission-i-posant-en-risc-la-industria-audiovisual\/\">\n\t<\/aside>\n\t\t<\/article>\n<\/div>\n<div class=\"small-12 large-4 columns\">\n\t<article itemscope itemtype=\"http:\/\/schema.org\/Article\" class=\"post blog-style7 alt post-30943 type-post status-publish format-standard has-post-thumbnail hentry category-federacio-de-mallorca category-federacio-de-mallorca-portada category-municipis category-portada tag-amanda-fernandez tag-andreu-serra tag-ares-fernandez tag-catalina-cladera tag-consell-de-mallorca tag-federacio-socialista-de-mallorca tag-joan-ferrer tag-juana-m-adrover tag-sofia-alonso\" role=\"article\">\n\t\t<figure class=\"post-gallery\"><img loading=\"lazy\" decoding=\"async\" width=\"600\" height=\"400\" src=\"https:\/\/www.psib-psoe.org\/mallorca\/wp-content\/uploads\/Sofia-Joan-rdp-bis-1-600x400.jpeg\" class=\"attachment-notio-general-x2 size-notio-general-x2 wp-post-image\" alt=\"\" srcset=\"https:\/\/www.psib-psoe.org\/mallorca\/wp-content\/uploads\/Sofia-Joan-rdp-bis-1-600x400.jpeg 600w, https:\/\/www.psib-psoe.org\/mallorca\/wp-content\/uploads\/Sofia-Joan-rdp-bis-1-300x200.jpeg 300w, https:\/\/www.psib-psoe.org\/mallorca\/wp-content\/uploads\/Sofia-Joan-rdp-bis-1-900x600.jpeg 900w, https:\/\/www.psib-psoe.org\/mallorca\/wp-content\/uploads\/Sofia-Joan-rdp-bis-1-20x13.jpeg 20w\" sizes=\"(max-width: 600px) 100vw, 600px\" \/><\/figure>\n\t\t<div class=\"blog-top\">\n\t\t\t<header class=\"post-title entry-header\">\n\t\t\t\t<aside class=\"post-meta cf\">\n\t\t11\/02\/2026 \/ <a href=\"https:\/\/www.psib-psoe.org\/mallorca\/category\/federacio-de-mallorca\/\" rel=\"category tag\">Federaci\u00f3 de Mallorca<\/a>, <a href=\"https:\/\/www.psib-psoe.org\/mallorca\/category\/federacio-de-mallorca-portada\/\" rel=\"category tag\">Federaci\u00f3 de Mallorca - Portada<\/a>, <a href=\"https:\/\/www.psib-psoe.org\/mallorca\/category\/municipis\/\" rel=\"category tag\">Municipis<\/a>, <a href=\"https:\/\/www.psib-psoe.org\/mallorca\/category\/portada\/\" rel=\"category tag\">Portada<\/a><\/aside>\n\t\t\t\t<h3 itemprop=\"headline\"><a href=\"https:\/\/www.psib-psoe.org\/mallorca\/el-psib-psoe-impulsa-un-pla-per-internalitzar-progressivament-les-residencies-municipals-de-mallorca-i-posar-les-sota-gestio-directa-de-limas\/\" title=\"El PSIB-PSOE impulsa un Pla per internalitzar progressivament les resid\u00e8ncies municipals de Mallorca i posar-les sota gesti\u00f3 directa de l\u2019IMAS.\">El PSIB-PSOE impulsa un Pla per internalitzar progressivament les resid\u00e8ncies municipals de Mallorca i posar-les sota gesti\u00f3 directa de l\u2019IMAS.<\/a><\/h3>\n\t\t\t<\/header>\n\t\t<\/div>\n\t\t<div class=\"post-content\">\n\t\t\t<a href=\"https:\/\/www.psib-psoe.org\/mallorca\/el-psib-psoe-impulsa-un-pla-per-internalitzar-progressivament-les-residencies-municipals-de-mallorca-i-posar-les-sota-gestio-directa-de-limas\/\" class=\"more-link\">Read More<\/a>\n\t\t<\/div>\n\t\t\t<aside class=\"post-bottom-meta hide\">\n\t\t<strong rel=\"author\" itemprop=\"author\" class=\"author vcard\"><span class=\"fn\">Albert<\/span><\/strong>\n\t\t<time class=\"date published time\" datetime=\"2026-02-11T12:32:21+02:00\" itemprop=\"datePublished\" content=\"2026-02-11T12:32:21+02:00\">11\/02\/2026<\/time>\n\t\t<meta itemprop=\"dateModified\" class=\"date updated\" content=\"2026-02-11T12:32:33+02:00\">\n\t\t<span class=\"hide\" itemprop=\"publisher\" itemscope itemtype=\"https:\/\/schema.org\/Organization\">\n\t\t\t<meta itemprop=\"name\" content=\"SocialistesdMca\">\n\t\t\t<span itemprop=\"logo\" itemscope itemtype=\"https:\/\/schema.org\/ImageObject\">\n\t\t\t\t<meta itemprop=\"url\" content=\"https:\/\/www.psib-psoe.org\/mallorca\/wp-content\/themes\/notio-wp\/assets\/img\/logo.png\">\n\t\t\t<\/span>\n\t\t\t<meta itemprop=\"url\" content=\"https:\/\/www.psib-psoe.org\/mallorca\/\">\n\t\t<\/span>\n\t\t\t\t<span class=\"hide\" itemprop=\"image\" itemscope itemtype=\"http:\/\/schema.org\/ImageObject\">\n\t\t\t<meta itemprop=\"url\" content=\"https:\/\/www.psib-psoe.org\/mallorca\/wp-content\/uploads\/Sofia-Joan-rdp-bis-1-scaled.jpeg\">\n\t\t\t<meta itemprop=\"width\" content=\"2266\">\n\t\t\t<meta itemprop=\"height\" content=\"2560\">\n\t\t<\/span>\n\t\t\t\t<meta itemscope itemprop=\"mainEntityOfPage\" itemtype=\"https:\/\/schema.org\/WebPage\" itemid=\"https:\/\/www.psib-psoe.org\/mallorca\/el-psib-psoe-impulsa-un-pla-per-internalitzar-progressivament-les-residencies-municipals-de-mallorca-i-posar-les-sota-gestio-directa-de-limas\/\">\n\t<\/aside>\n\t\t<\/article>\n<\/div>\n<div class=\"small-12 large-4 columns\">\n\t<article itemscope itemtype=\"http:\/\/schema.org\/Article\" class=\"post blog-style7 alt post-30940 type-post status-publish format-standard has-post-thumbnail hentry category-federacio-de-mallorca category-federacio-de-mallorca-portada category-municipis category-portada tag-amanda-fernandez tag-andreu-serra tag-ares-fernandez tag-catalina-cladera tag-consell-de-mallorca tag-federacio-socialista-de-mallorca tag-joan-ferrer tag-juana-m-adrover tag-sofia-alonso\" role=\"article\">\n\t\t<figure class=\"post-gallery\"><img loading=\"lazy\" decoding=\"async\" width=\"600\" height=\"400\" src=\"https:\/\/www.psib-psoe.org\/mallorca\/wp-content\/uploads\/Andreu-Serra-600x400.jpeg\" class=\"attachment-notio-general-x2 size-notio-general-x2 wp-post-image\" alt=\"\" srcset=\"https:\/\/www.psib-psoe.org\/mallorca\/wp-content\/uploads\/Andreu-Serra-600x400.jpeg 600w, https:\/\/www.psib-psoe.org\/mallorca\/wp-content\/uploads\/Andreu-Serra-300x200.jpeg 300w, https:\/\/www.psib-psoe.org\/mallorca\/wp-content\/uploads\/Andreu-Serra-900x600.jpeg 900w, https:\/\/www.psib-psoe.org\/mallorca\/wp-content\/uploads\/Andreu-Serra-20x13.jpeg 20w\" sizes=\"(max-width: 600px) 100vw, 600px\" \/><\/figure>\n\t\t<div class=\"blog-top\">\n\t\t\t<header class=\"post-title entry-header\">\n\t\t\t\t<aside class=\"post-meta cf\">\n\t\t10\/02\/2026 \/ <a href=\"https:\/\/www.psib-psoe.org\/mallorca\/category\/federacio-de-mallorca\/\" rel=\"category tag\">Federaci\u00f3 de Mallorca<\/a>, <a href=\"https:\/\/www.psib-psoe.org\/mallorca\/category\/federacio-de-mallorca-portada\/\" rel=\"category tag\">Federaci\u00f3 de Mallorca - Portada<\/a>, <a href=\"https:\/\/www.psib-psoe.org\/mallorca\/category\/municipis\/\" rel=\"category tag\">Municipis<\/a>, <a href=\"https:\/\/www.psib-psoe.org\/mallorca\/category\/portada\/\" rel=\"category tag\">Portada<\/a><\/aside>\n\t\t\t\t<h3 itemprop=\"headline\"><a href=\"https:\/\/www.psib-psoe.org\/mallorca\/el-grup-socialista-denuncia-la-incompetencia-reiterada-del-consell-en-el-proces-fallit-dadjudicacio-de-places-turistiques-que-provocara-la-judicialitzacio-de-desenes-de-pet\/\" title=\"El Grup Socialista denuncia la \u201cincompet\u00e8ncia reiterada\u201d del Consell en el proc\u00e9s fallit d\u2019adjudicaci\u00f3 de places tur\u00edstiques, que provocar\u00e0 la judicialitzaci\u00f3 de desenes de peticions.\">El Grup Socialista denuncia la \u201cincompet\u00e8ncia reiterada\u201d del Consell en el proc\u00e9s fallit d\u2019adjudicaci\u00f3 de places tur\u00edstiques, que provocar\u00e0 la judicialitzaci\u00f3 de desenes de peticions.<\/a><\/h3>\n\t\t\t<\/header>\n\t\t<\/div>\n\t\t<div class=\"post-content\">\n\t\t\t<a href=\"https:\/\/www.psib-psoe.org\/mallorca\/el-grup-socialista-denuncia-la-incompetencia-reiterada-del-consell-en-el-proces-fallit-dadjudicacio-de-places-turistiques-que-provocara-la-judicialitzacio-de-desenes-de-pet\/\" class=\"more-link\">Read More<\/a>\n\t\t<\/div>\n\t\t\t<aside class=\"post-bottom-meta hide\">\n\t\t<strong rel=\"author\" itemprop=\"author\" class=\"author vcard\"><span class=\"fn\">Albert<\/span><\/strong>\n\t\t<time class=\"date published time\" datetime=\"2026-02-10T20:31:14+02:00\" itemprop=\"datePublished\" content=\"2026-02-10T20:31:14+02:00\">10\/02\/2026<\/time>\n\t\t<meta itemprop=\"dateModified\" class=\"date updated\" content=\"2026-02-10T20:31:26+02:00\">\n\t\t<span class=\"hide\" itemprop=\"publisher\" itemscope itemtype=\"https:\/\/schema.org\/Organization\">\n\t\t\t<meta itemprop=\"name\" content=\"SocialistesdMca\">\n\t\t\t<span itemprop=\"logo\" itemscope itemtype=\"https:\/\/schema.org\/ImageObject\">\n\t\t\t\t<meta itemprop=\"url\" content=\"https:\/\/www.psib-psoe.org\/mallorca\/wp-content\/themes\/notio-wp\/assets\/img\/logo.png\">\n\t\t\t<\/span>\n\t\t\t<meta itemprop=\"url\" content=\"https:\/\/www.psib-psoe.org\/mallorca\/\">\n\t\t<\/span>\n\t\t\t\t<span class=\"hide\" itemprop=\"image\" itemscope itemtype=\"http:\/\/schema.org\/ImageObject\">\n\t\t\t<meta itemprop=\"url\" content=\"https:\/\/www.psib-psoe.org\/mallorca\/wp-content\/uploads\/Andreu-Serra.jpeg\">\n\t\t\t<meta itemprop=\"width\" content=\"1310\">\n\t\t\t<meta itemprop=\"height\" content=\"1645\">\n\t\t<\/span>\n\t\t\t\t<meta itemscope itemprop=\"mainEntityOfPage\" itemtype=\"https:\/\/schema.org\/WebPage\" itemid=\"https:\/\/www.psib-psoe.org\/mallorca\/el-grup-socialista-denuncia-la-incompetencia-reiterada-del-consell-en-el-proces-fallit-dadjudicacio-de-places-turistiques-que-provocara-la-judicialitzacio-de-desenes-de-pet\/\">\n\t<\/aside>\n\t\t<\/article>\n<\/div>\n<div class=\"small-12 large-4 columns\">\n\t<article itemscope itemtype=\"http:\/\/schema.org\/Article\" class=\"post blog-style7 alt post-30933 type-post status-publish format-standard has-post-thumbnail hentry category-federacio-de-mallorca category-federacio-de-mallorca-portada category-municipis category-portada tag-agrupacio-socialista-de-santa-eugenia tag-amanda-fernandez tag-ares-fernandez tag-consell-de-mallorca tag-federacio-socialista-de-mallorca tag-paula-ginard tag-pep-lluis-urraca tag-tolo-aguilar\" role=\"article\">\n\t\t<figure class=\"post-gallery\"><img loading=\"lazy\" decoding=\"async\" width=\"600\" height=\"400\" src=\"https:\/\/www.psib-psoe.org\/mallorca\/wp-content\/uploads\/Amanda-Urraca-Ses-Coves-600x400.jpeg\" class=\"attachment-notio-general-x2 size-notio-general-x2 wp-post-image\" alt=\"\" srcset=\"https:\/\/www.psib-psoe.org\/mallorca\/wp-content\/uploads\/Amanda-Urraca-Ses-Coves-600x400.jpeg 600w, https:\/\/www.psib-psoe.org\/mallorca\/wp-content\/uploads\/Amanda-Urraca-Ses-Coves-300x200.jpeg 300w, https:\/\/www.psib-psoe.org\/mallorca\/wp-content\/uploads\/Amanda-Urraca-Ses-Coves-900x600.jpeg 900w, https:\/\/www.psib-psoe.org\/mallorca\/wp-content\/uploads\/Amanda-Urraca-Ses-Coves-20x13.jpeg 20w\" sizes=\"(max-width: 600px) 100vw, 600px\" \/><\/figure>\n\t\t<div class=\"blog-top\">\n\t\t\t<header class=\"post-title entry-header\">\n\t\t\t\t<aside class=\"post-meta cf\">\n\t\t10\/02\/2026 \/ <a href=\"https:\/\/www.psib-psoe.org\/mallorca\/category\/federacio-de-mallorca\/\" rel=\"category tag\">Federaci\u00f3 de Mallorca<\/a>, <a href=\"https:\/\/www.psib-psoe.org\/mallorca\/category\/federacio-de-mallorca-portada\/\" rel=\"category tag\">Federaci\u00f3 de Mallorca - Portada<\/a>, <a href=\"https:\/\/www.psib-psoe.org\/mallorca\/category\/municipis\/\" rel=\"category tag\">Municipis<\/a>, <a href=\"https:\/\/www.psib-psoe.org\/mallorca\/category\/portada\/\" rel=\"category tag\">Portada<\/a><\/aside>\n\t\t\t\t<h3 itemprop=\"headline\"><a href=\"https:\/\/www.psib-psoe.org\/mallorca\/el-psib-psoe-denuncia-lincompliment-generalitzat-del-pla-de-vials-civics-anunciat-per-galmes-en-2024\/\" title=\"El PSIB-PSOE denuncia l\u2019incompliment generalitzat del Pla de Vials C\u00edvics anunciat per Galm\u00e9s en 2024.\">El PSIB-PSOE denuncia l\u2019incompliment generalitzat del Pla de Vials C\u00edvics anunciat per Galm\u00e9s en 2024.<\/a><\/h3>\n\t\t\t<\/header>\n\t\t<\/div>\n\t\t<div class=\"post-content\">\n\t\t\t<a href=\"https:\/\/www.psib-psoe.org\/mallorca\/el-psib-psoe-denuncia-lincompliment-generalitzat-del-pla-de-vials-civics-anunciat-per-galmes-en-2024\/\" class=\"more-link\">Read More<\/a>\n\t\t<\/div>\n\t\t\t<aside class=\"post-bottom-meta hide\">\n\t\t<strong rel=\"author\" itemprop=\"author\" class=\"author vcard\"><span class=\"fn\">Albert<\/span><\/strong>\n\t\t<time class=\"date published time\" datetime=\"2026-02-10T20:18:41+02:00\" itemprop=\"datePublished\" content=\"2026-02-10T20:18:41+02:00\">10\/02\/2026<\/time>\n\t\t<meta itemprop=\"dateModified\" class=\"date updated\" content=\"2026-02-10T20:18:53+02:00\">\n\t\t<span class=\"hide\" itemprop=\"publisher\" itemscope itemtype=\"https:\/\/schema.org\/Organization\">\n\t\t\t<meta itemprop=\"name\" content=\"SocialistesdMca\">\n\t\t\t<span itemprop=\"logo\" itemscope itemtype=\"https:\/\/schema.org\/ImageObject\">\n\t\t\t\t<meta itemprop=\"url\" content=\"https:\/\/www.psib-psoe.org\/mallorca\/wp-content\/themes\/notio-wp\/assets\/img\/logo.png\">\n\t\t\t<\/span>\n\t\t\t<meta itemprop=\"url\" content=\"https:\/\/www.psib-psoe.org\/mallorca\/\">\n\t\t<\/span>\n\t\t\t\t<span class=\"hide\" itemprop=\"image\" itemscope itemtype=\"http:\/\/schema.org\/ImageObject\">\n\t\t\t<meta itemprop=\"url\" content=\"https:\/\/www.psib-psoe.org\/mallorca\/wp-content\/uploads\/Amanda-Urraca-Ses-Coves.jpeg\">\n\t\t\t<meta itemprop=\"width\" content=\"1600\">\n\t\t\t<meta itemprop=\"height\" content=\"1200\">\n\t\t<\/span>\n\t\t\t\t<meta itemscope itemprop=\"mainEntityOfPage\" itemtype=\"https:\/\/schema.org\/WebPage\" itemid=\"https:\/\/www.psib-psoe.org\/mallorca\/el-psib-psoe-denuncia-lincompliment-generalitzat-del-pla-de-vials-civics-anunciat-per-galmes-en-2024\/\">\n\t<\/aside>\n\t\t<\/article>\n<\/div>\n<div class=\"small-12 large-4 columns\">\n\t<article itemscope itemtype=\"http:\/\/schema.org\/Article\" class=\"post blog-style7 alt post-30931 type-post status-publish format-standard has-post-thumbnail hentry category-federacio-de-mallorca category-federacio-de-mallorca-portada category-municipis category-portada tag-amanda-fernandez tag-ares-fernandez tag-catalina-cladera tag-consell-de-mallorca tag-federacio-socialista-de-mallorca tag-joan-ferrer tag-juana-m-adrover tag-sofia-alonso\" role=\"article\">\n\t\t<figure class=\"post-gallery\"><img loading=\"lazy\" decoding=\"async\" width=\"600\" height=\"400\" src=\"https:\/\/www.psib-psoe.org\/mallorca\/wp-content\/uploads\/Ple-301225-edited-600x400.jpeg\" class=\"attachment-notio-general-x2 size-notio-general-x2 wp-post-image\" alt=\"\" srcset=\"https:\/\/www.psib-psoe.org\/mallorca\/wp-content\/uploads\/Ple-301225-edited-600x400.jpeg 600w, https:\/\/www.psib-psoe.org\/mallorca\/wp-content\/uploads\/Ple-301225-edited-300x200.jpeg 300w, https:\/\/www.psib-psoe.org\/mallorca\/wp-content\/uploads\/Ple-301225-edited-900x600.jpeg 900w, https:\/\/www.psib-psoe.org\/mallorca\/wp-content\/uploads\/Ple-301225-edited-20x13.jpeg 20w\" sizes=\"(max-width: 600px) 100vw, 600px\" \/><\/figure>\n\t\t<div class=\"blog-top\">\n\t\t\t<header class=\"post-title entry-header\">\n\t\t\t\t<aside class=\"post-meta cf\">\n\t\t10\/02\/2026 \/ <a href=\"https:\/\/www.psib-psoe.org\/mallorca\/category\/federacio-de-mallorca\/\" rel=\"category tag\">Federaci\u00f3 de Mallorca<\/a>, <a href=\"https:\/\/www.psib-psoe.org\/mallorca\/category\/federacio-de-mallorca-portada\/\" rel=\"category tag\">Federaci\u00f3 de Mallorca - Portada<\/a>, <a href=\"https:\/\/www.psib-psoe.org\/mallorca\/category\/municipis\/\" rel=\"category tag\">Municipis<\/a>, <a href=\"https:\/\/www.psib-psoe.org\/mallorca\/category\/portada\/\" rel=\"category tag\">Portada<\/a><\/aside>\n\t\t\t\t<h3 itemprop=\"headline\"><a href=\"https:\/\/www.psib-psoe.org\/mallorca\/el-grup-socialista-reclama-al-consell-de-mallorca-una-ofensiva-institucional-per-impulsar-els-catalegs-municipals-de-patrimoni\/\" title=\"El Grup Socialista reclama al Consell de Mallorca una ofensiva institucional per impulsar els cat\u00e0legs municipals de patrimoni.\">El Grup Socialista reclama al Consell de Mallorca una ofensiva institucional per impulsar els cat\u00e0legs municipals de patrimoni.<\/a><\/h3>\n\t\t\t<\/header>\n\t\t<\/div>\n\t\t<div class=\"post-content\">\n\t\t\t<a href=\"https:\/\/www.psib-psoe.org\/mallorca\/el-grup-socialista-reclama-al-consell-de-mallorca-una-ofensiva-institucional-per-impulsar-els-catalegs-municipals-de-patrimoni\/\" class=\"more-link\">Read More<\/a>\n\t\t<\/div>\n\t\t\t<aside class=\"post-bottom-meta hide\">\n\t\t<strong rel=\"author\" itemprop=\"author\" class=\"author vcard\"><span class=\"fn\">Albert<\/span><\/strong>\n\t\t<time class=\"date published time\" datetime=\"2026-02-10T11:17:37+02:00\" itemprop=\"datePublished\" content=\"2026-02-10T11:17:37+02:00\">10\/02\/2026<\/time>\n\t\t<meta itemprop=\"dateModified\" class=\"date updated\" content=\"2026-02-10T11:17:49+02:00\">\n\t\t<span class=\"hide\" itemprop=\"publisher\" itemscope itemtype=\"https:\/\/schema.org\/Organization\">\n\t\t\t<meta itemprop=\"name\" content=\"SocialistesdMca\">\n\t\t\t<span itemprop=\"logo\" itemscope itemtype=\"https:\/\/schema.org\/ImageObject\">\n\t\t\t\t<meta itemprop=\"url\" content=\"https:\/\/www.psib-psoe.org\/mallorca\/wp-content\/themes\/notio-wp\/assets\/img\/logo.png\">\n\t\t\t<\/span>\n\t\t\t<meta itemprop=\"url\" content=\"https:\/\/www.psib-psoe.org\/mallorca\/\">\n\t\t<\/span>\n\t\t\t\t<span class=\"hide\" itemprop=\"image\" itemscope itemtype=\"http:\/\/schema.org\/ImageObject\">\n\t\t\t<meta itemprop=\"url\" content=\"https:\/\/www.psib-psoe.org\/mallorca\/wp-content\/uploads\/Ple-301225-edited.jpeg\">\n\t\t\t<meta itemprop=\"width\" content=\"1600\">\n\t\t\t<meta itemprop=\"height\" content=\"900\">\n\t\t<\/span>\n\t\t\t\t<meta itemscope itemprop=\"mainEntityOfPage\" itemtype=\"https:\/\/schema.org\/WebPage\" itemid=\"https:\/\/www.psib-psoe.org\/mallorca\/el-grup-socialista-reclama-al-consell-de-mallorca-una-ofensiva-institucional-per-impulsar-els-catalegs-municipals-de-patrimoni\/\">\n\t<\/aside>\n\t\t<\/article>\n<\/div>\n<div class=\"small-12 large-4 columns\">\n\t<article itemscope itemtype=\"http:\/\/schema.org\/Article\" class=\"post blog-style7 alt post-30928 type-post status-publish format-standard has-post-thumbnail hentry category-federacio-de-mallorca category-federacio-de-mallorca-portada category-municipis category-portada tag-agrupacio-socialista-de-son-servera tag-amanda-fernandez tag-ares-fernandez tag-fa-fang-dong tag-federacio-socialista-de-mallorca tag-psib-psoe tag-remedios-canadas tag-son-servera\" role=\"article\">\n\t\t<figure class=\"post-gallery\"><img loading=\"lazy\" decoding=\"async\" width=\"600\" height=\"400\" src=\"https:\/\/www.psib-psoe.org\/mallorca\/wp-content\/uploads\/Executiva-3-600x400.jpeg\" class=\"attachment-notio-general-x2 size-notio-general-x2 wp-post-image\" alt=\"\" srcset=\"https:\/\/www.psib-psoe.org\/mallorca\/wp-content\/uploads\/Executiva-3-600x400.jpeg 600w, https:\/\/www.psib-psoe.org\/mallorca\/wp-content\/uploads\/Executiva-3-300x200.jpeg 300w, https:\/\/www.psib-psoe.org\/mallorca\/wp-content\/uploads\/Executiva-3-900x600.jpeg 900w, https:\/\/www.psib-psoe.org\/mallorca\/wp-content\/uploads\/Executiva-3-20x13.jpeg 20w\" sizes=\"(max-width: 600px) 100vw, 600px\" \/><\/figure>\n\t\t<div class=\"blog-top\">\n\t\t\t<header class=\"post-title entry-header\">\n\t\t\t\t<aside class=\"post-meta cf\">\n\t\t09\/02\/2026 \/ <a href=\"https:\/\/www.psib-psoe.org\/mallorca\/category\/federacio-de-mallorca\/\" rel=\"category tag\">Federaci\u00f3 de Mallorca<\/a>, <a href=\"https:\/\/www.psib-psoe.org\/mallorca\/category\/federacio-de-mallorca-portada\/\" rel=\"category tag\">Federaci\u00f3 de Mallorca - Portada<\/a>, <a href=\"https:\/\/www.psib-psoe.org\/mallorca\/category\/municipis\/\" rel=\"category tag\">Municipis<\/a>, <a href=\"https:\/\/www.psib-psoe.org\/mallorca\/category\/portada\/\" rel=\"category tag\">Portada<\/a><\/aside>\n\t\t\t\t<h3 itemprop=\"headline\"><a href=\"https:\/\/www.psib-psoe.org\/mallorca\/els-socialistes-de-son-servera-soposen-a-un-pressupost-municipal-de-2026-que-es-continuista-insuficient-i-allunyat-de-les-necessitats-reals-del-poble\/\" title=\"Els Socialistes de Son Servera s\u2019oposen a un pressupost municipal de 2026 que \u00e9s \u201ccontinuista, insuficient i allunyat de les necessitats reals del poble\u201d.\">Els Socialistes de Son Servera s\u2019oposen a un pressupost municipal de 2026 que \u00e9s \u201ccontinuista, insuficient i allunyat de les necessitats reals del poble\u201d.<\/a><\/h3>\n\t\t\t<\/header>\n\t\t<\/div>\n\t\t<div class=\"post-content\">\n\t\t\t<a href=\"https:\/\/www.psib-psoe.org\/mallorca\/els-socialistes-de-son-servera-soposen-a-un-pressupost-municipal-de-2026-que-es-continuista-insuficient-i-allunyat-de-les-necessitats-reals-del-poble\/\" class=\"more-link\">Read More<\/a>\n\t\t<\/div>\n\t\t\t<aside class=\"post-bottom-meta hide\">\n\t\t<strong rel=\"author\" itemprop=\"author\" class=\"author vcard\"><span class=\"fn\">Albert<\/span><\/strong>\n\t\t<time class=\"date published time\" datetime=\"2026-02-09T15:21:25+02:00\" itemprop=\"datePublished\" content=\"2026-02-09T15:21:25+02:00\">09\/02\/2026<\/time>\n\t\t<meta itemprop=\"dateModified\" class=\"date updated\" content=\"2026-02-09T15:21:36+02:00\">\n\t\t<span class=\"hide\" itemprop=\"publisher\" itemscope itemtype=\"https:\/\/schema.org\/Organization\">\n\t\t\t<meta itemprop=\"name\" content=\"SocialistesdMca\">\n\t\t\t<span itemprop=\"logo\" itemscope itemtype=\"https:\/\/schema.org\/ImageObject\">\n\t\t\t\t<meta itemprop=\"url\" content=\"https:\/\/www.psib-psoe.org\/mallorca\/wp-content\/themes\/notio-wp\/assets\/img\/logo.png\">\n\t\t\t<\/span>\n\t\t\t<meta itemprop=\"url\" content=\"https:\/\/www.psib-psoe.org\/mallorca\/\">\n\t\t<\/span>\n\t\t\t\t<span class=\"hide\" itemprop=\"image\" itemscope itemtype=\"http:\/\/schema.org\/ImageObject\">\n\t\t\t<meta itemprop=\"url\" content=\"https:\/\/www.psib-psoe.org\/mallorca\/wp-content\/uploads\/Executiva-3.jpeg\">\n\t\t\t<meta itemprop=\"width\" content=\"1600\">\n\t\t\t<meta itemprop=\"height\" content=\"1200\">\n\t\t<\/span>\n\t\t\t\t<meta itemscope itemprop=\"mainEntityOfPage\" itemtype=\"https:\/\/schema.org\/WebPage\" itemid=\"https:\/\/www.psib-psoe.org\/mallorca\/els-socialistes-de-son-servera-soposen-a-un-pressupost-municipal-de-2026-que-es-continuista-insuficient-i-allunyat-de-les-necessitats-reals-del-poble\/\">\n\t<\/aside>\n\t\t<\/article>\n<\/div>\n<div class=\"small-12 large-4 columns\">\n\t<article itemscope itemtype=\"http:\/\/schema.org\/Article\" class=\"post blog-style7 alt post-30925 type-post status-publish format-standard has-post-thumbnail hentry category-federacio-de-mallorca category-federacio-de-mallorca-portada category-municipis category-portada tag-agrupacio-socialista-de-felanitx tag-federacio-socialista-de-mallorca tag-felanitx tag-maria-gracia-gonzalez tag-mercedes-garrido tag-psib-psoe tag-xisco-duarte\" role=\"article\">\n\t\t<figure class=\"post-gallery\"><img loading=\"lazy\" decoding=\"async\" width=\"600\" height=\"400\" src=\"https:\/\/www.psib-psoe.org\/mallorca\/wp-content\/uploads\/IES-Felanitx-1-600x400.jpeg\" class=\"attachment-notio-general-x2 size-notio-general-x2 wp-post-image\" alt=\"\" srcset=\"https:\/\/www.psib-psoe.org\/mallorca\/wp-content\/uploads\/IES-Felanitx-1-600x400.jpeg 600w, https:\/\/www.psib-psoe.org\/mallorca\/wp-content\/uploads\/IES-Felanitx-1-300x200.jpeg 300w, https:\/\/www.psib-psoe.org\/mallorca\/wp-content\/uploads\/IES-Felanitx-1-900x600.jpeg 900w, https:\/\/www.psib-psoe.org\/mallorca\/wp-content\/uploads\/IES-Felanitx-1-20x13.jpeg 20w\" sizes=\"(max-width: 600px) 100vw, 600px\" \/><\/figure>\n\t\t<div class=\"blog-top\">\n\t\t\t<header class=\"post-title entry-header\">\n\t\t\t\t<aside class=\"post-meta cf\">\n\t\t09\/02\/2026 \/ <a href=\"https:\/\/www.psib-psoe.org\/mallorca\/category\/federacio-de-mallorca\/\" rel=\"category tag\">Federaci\u00f3 de Mallorca<\/a>, <a href=\"https:\/\/www.psib-psoe.org\/mallorca\/category\/federacio-de-mallorca-portada\/\" rel=\"category tag\">Federaci\u00f3 de Mallorca - Portada<\/a>, <a href=\"https:\/\/www.psib-psoe.org\/mallorca\/category\/municipis\/\" rel=\"category tag\">Municipis<\/a>, <a href=\"https:\/\/www.psib-psoe.org\/mallorca\/category\/portada\/\" rel=\"category tag\">Portada<\/a><\/aside>\n\t\t\t\t<h3 itemprop=\"headline\"><a href=\"https:\/\/www.psib-psoe.org\/mallorca\/el-psib-psoe-de-felanitx-exigeix-linici-immediat-de-les-obres-a-lies-felanitx-davant-el-risc-que-comporta-per-a-la-comunitat-educativa\/\" title=\"El PSIB-PSOE de Felanitx exigeix l\u2019inici immediat de les obres a l\u2019IES Felanitx davant el risc que comporta per a la comunitat educativa.\">El PSIB-PSOE de Felanitx exigeix l\u2019inici immediat de les obres a l\u2019IES Felanitx davant el risc que comporta per a la comunitat educativa.<\/a><\/h3>\n\t\t\t<\/header>\n\t\t<\/div>\n\t\t<div class=\"post-content\">\n\t\t\t<a href=\"https:\/\/www.psib-psoe.org\/mallorca\/el-psib-psoe-de-felanitx-exigeix-linici-immediat-de-les-obres-a-lies-felanitx-davant-el-risc-que-comporta-per-a-la-comunitat-educativa\/\" class=\"more-link\">Read More<\/a>\n\t\t<\/div>\n\t\t\t<aside class=\"post-bottom-meta hide\">\n\t\t<strong rel=\"author\" itemprop=\"author\" class=\"author vcard\"><span class=\"fn\">Albert<\/span><\/strong>\n\t\t<time class=\"date published time\" datetime=\"2026-02-09T14:26:56+02:00\" itemprop=\"datePublished\" content=\"2026-02-09T14:26:56+02:00\">09\/02\/2026<\/time>\n\t\t<meta itemprop=\"dateModified\" class=\"date updated\" content=\"2026-02-09T14:27:08+02:00\">\n\t\t<span class=\"hide\" itemprop=\"publisher\" itemscope itemtype=\"https:\/\/schema.org\/Organization\">\n\t\t\t<meta itemprop=\"name\" content=\"SocialistesdMca\">\n\t\t\t<span itemprop=\"logo\" itemscope itemtype=\"https:\/\/schema.org\/ImageObject\">\n\t\t\t\t<meta itemprop=\"url\" content=\"https:\/\/www.psib-psoe.org\/mallorca\/wp-content\/themes\/notio-wp\/assets\/img\/logo.png\">\n\t\t\t<\/span>\n\t\t\t<meta itemprop=\"url\" content=\"https:\/\/www.psib-psoe.org\/mallorca\/\">\n\t\t<\/span>\n\t\t\t\t<span class=\"hide\" itemprop=\"image\" itemscope itemtype=\"http:\/\/schema.org\/ImageObject\">\n\t\t\t<meta itemprop=\"url\" content=\"https:\/\/www.psib-psoe.org\/mallorca\/wp-content\/uploads\/IES-Felanitx-1.jpeg\">\n\t\t\t<meta itemprop=\"width\" content=\"2040\">\n\t\t\t<meta itemprop=\"height\" content=\"1530\">\n\t\t<\/span>\n\t\t\t\t<meta itemscope itemprop=\"mainEntityOfPage\" itemtype=\"https:\/\/schema.org\/WebPage\" itemid=\"https:\/\/www.psib-psoe.org\/mallorca\/el-psib-psoe-de-felanitx-exigeix-linici-immediat-de-les-obres-a-lies-felanitx-davant-el-risc-que-comporta-per-a-la-comunitat-educativa\/\">\n\t<\/aside>\n\t\t<\/article>\n<\/div>\n<div class=\"small-12 large-4 columns\">\n\t<article itemscope itemtype=\"http:\/\/schema.org\/Article\" class=\"post blog-style7 alt post-30923 type-post status-publish format-standard has-post-thumbnail hentry category-federacio-de-mallorca category-federacio-de-mallorca-portada category-municipis category-portada tag-amanda-fernandez tag-ares-fernandez tag-catalina-cladera tag-consell-de-mallorca tag-federacio-socialista-de-mallorca tag-joan-ferrer tag-juana-m-adrover tag-sofia-alonso\" role=\"article\">\n\t\t<figure class=\"post-gallery\"><img loading=\"lazy\" decoding=\"async\" width=\"600\" height=\"400\" src=\"https:\/\/www.psib-psoe.org\/mallorca\/wp-content\/uploads\/Ple-301225-edited-600x400.jpeg\" class=\"attachment-notio-general-x2 size-notio-general-x2 wp-post-image\" alt=\"\" srcset=\"https:\/\/www.psib-psoe.org\/mallorca\/wp-content\/uploads\/Ple-301225-edited-600x400.jpeg 600w, https:\/\/www.psib-psoe.org\/mallorca\/wp-content\/uploads\/Ple-301225-edited-300x200.jpeg 300w, https:\/\/www.psib-psoe.org\/mallorca\/wp-content\/uploads\/Ple-301225-edited-900x600.jpeg 900w, https:\/\/www.psib-psoe.org\/mallorca\/wp-content\/uploads\/Ple-301225-edited-20x13.jpeg 20w\" sizes=\"(max-width: 600px) 100vw, 600px\" \/><\/figure>\n\t\t<div class=\"blog-top\">\n\t\t\t<header class=\"post-title entry-header\">\n\t\t\t\t<aside class=\"post-meta cf\">\n\t\t09\/02\/2026 \/ <a href=\"https:\/\/www.psib-psoe.org\/mallorca\/category\/federacio-de-mallorca\/\" rel=\"category tag\">Federaci\u00f3 de Mallorca<\/a>, <a href=\"https:\/\/www.psib-psoe.org\/mallorca\/category\/federacio-de-mallorca-portada\/\" rel=\"category tag\">Federaci\u00f3 de Mallorca - Portada<\/a>, <a href=\"https:\/\/www.psib-psoe.org\/mallorca\/category\/municipis\/\" rel=\"category tag\">Municipis<\/a>, <a href=\"https:\/\/www.psib-psoe.org\/mallorca\/category\/portada\/\" rel=\"category tag\">Portada<\/a><\/aside>\n\t\t\t\t<h3 itemprop=\"headline\"><a href=\"https:\/\/www.psib-psoe.org\/mallorca\/el-grup-socialista-lamenta-els-tres-anys-dabandonament-de-ppvox-en-la-rehabilitacio-de-can-weyler-i-reclama-visitar-ledifici\/\" title=\"El Grup Socialista lamenta els \u201ctres anys d\u2019abandonament de PPVox\u201d en la rehabilitaci\u00f3 de Can Weyler, i reclama visitar l\u2019edifici.\">El Grup Socialista lamenta els \u201ctres anys d\u2019abandonament de PPVox\u201d en la rehabilitaci\u00f3 de Can Weyler, i reclama visitar l\u2019edifici.<\/a><\/h3>\n\t\t\t<\/header>\n\t\t<\/div>\n\t\t<div class=\"post-content\">\n\t\t\t<a href=\"https:\/\/www.psib-psoe.org\/mallorca\/el-grup-socialista-lamenta-els-tres-anys-dabandonament-de-ppvox-en-la-rehabilitacio-de-can-weyler-i-reclama-visitar-ledifici\/\" class=\"more-link\">Read More<\/a>\n\t\t<\/div>\n\t\t\t<aside class=\"post-bottom-meta hide\">\n\t\t<strong rel=\"author\" itemprop=\"author\" class=\"author vcard\"><span class=\"fn\">Albert<\/span><\/strong>\n\t\t<time class=\"date published time\" datetime=\"2026-02-09T14:07:01+02:00\" itemprop=\"datePublished\" content=\"2026-02-09T14:07:01+02:00\">09\/02\/2026<\/time>\n\t\t<meta itemprop=\"dateModified\" class=\"date updated\" content=\"2026-02-09T14:07:13+02:00\">\n\t\t<span class=\"hide\" itemprop=\"publisher\" itemscope itemtype=\"https:\/\/schema.org\/Organization\">\n\t\t\t<meta itemprop=\"name\" content=\"SocialistesdMca\">\n\t\t\t<span itemprop=\"logo\" itemscope itemtype=\"https:\/\/schema.org\/ImageObject\">\n\t\t\t\t<meta itemprop=\"url\" content=\"https:\/\/www.psib-psoe.org\/mallorca\/wp-content\/themes\/notio-wp\/assets\/img\/logo.png\">\n\t\t\t<\/span>\n\t\t\t<meta itemprop=\"url\" content=\"https:\/\/www.psib-psoe.org\/mallorca\/\">\n\t\t<\/span>\n\t\t\t\t<span class=\"hide\" itemprop=\"image\" itemscope itemtype=\"http:\/\/schema.org\/ImageObject\">\n\t\t\t<meta itemprop=\"url\" content=\"https:\/\/www.psib-psoe.org\/mallorca\/wp-content\/uploads\/Ple-301225-edited.jpeg\">\n\t\t\t<meta itemprop=\"width\" content=\"1600\">\n\t\t\t<meta itemprop=\"height\" content=\"900\">\n\t\t<\/span>\n\t\t\t\t<meta itemscope itemprop=\"mainEntityOfPage\" itemtype=\"https:\/\/schema.org\/WebPage\" itemid=\"https:\/\/www.psib-psoe.org\/mallorca\/el-grup-socialista-lamenta-els-tres-anys-dabandonament-de-ppvox-en-la-rehabilitacio-de-can-weyler-i-reclama-visitar-ledifici\/\">\n\t<\/aside>\n\t\t<\/article>\n<\/div>\n<div class=\"small-12 large-4 columns\">\n\t<article itemscope itemtype=\"http:\/\/schema.org\/Article\" class=\"post blog-style7 alt post-30921 type-post status-publish format-standard has-post-thumbnail hentry category-consell-de-mallorca category-federacio-de-mallorca category-federacio-de-mallorca-portada category-municipis category-portada tag-aina-munar tag-alaro tag-amanda-fernandez tag-andreu-vidal tag-federacio-socialista-de-mallorca tag-mallorca tag-psib-psoe tag-tolo-aguilar\" role=\"article\">\n\t\t<figure class=\"post-gallery\"><img loading=\"lazy\" decoding=\"async\" width=\"600\" height=\"400\" src=\"https:\/\/www.psib-psoe.org\/mallorca\/wp-content\/uploads\/ALARO-ANDREU-VIDAL-2-600x400.jpg\" class=\"attachment-notio-general-x2 size-notio-general-x2 wp-post-image\" alt=\"\" srcset=\"https:\/\/www.psib-psoe.org\/mallorca\/wp-content\/uploads\/ALARO-ANDREU-VIDAL-2-600x400.jpg 600w, https:\/\/www.psib-psoe.org\/mallorca\/wp-content\/uploads\/ALARO-ANDREU-VIDAL-2-300x200.jpg 300w, https:\/\/www.psib-psoe.org\/mallorca\/wp-content\/uploads\/ALARO-ANDREU-VIDAL-2-1024x683.jpg 1024w, https:\/\/www.psib-psoe.org\/mallorca\/wp-content\/uploads\/ALARO-ANDREU-VIDAL-2-768x512.jpg 768w, https:\/\/www.psib-psoe.org\/mallorca\/wp-content\/uploads\/ALARO-ANDREU-VIDAL-2-1536x1024.jpg 1536w, https:\/\/www.psib-psoe.org\/mallorca\/wp-content\/uploads\/ALARO-ANDREU-VIDAL-2-2048x1365.jpg 2048w, https:\/\/www.psib-psoe.org\/mallorca\/wp-content\/uploads\/ALARO-ANDREU-VIDAL-2-150x100.jpg 150w, https:\/\/www.psib-psoe.org\/mallorca\/wp-content\/uploads\/ALARO-ANDREU-VIDAL-2-900x600.jpg 900w, https:\/\/www.psib-psoe.org\/mallorca\/wp-content\/uploads\/ALARO-ANDREU-VIDAL-2-20x13.jpg 20w\" sizes=\"(max-width: 600px) 100vw, 600px\" \/><\/figure>\n\t\t<div class=\"blog-top\">\n\t\t\t<header class=\"post-title entry-header\">\n\t\t\t\t<aside class=\"post-meta cf\">\n\t\t07\/02\/2026 \/ <a href=\"https:\/\/www.psib-psoe.org\/mallorca\/category\/consell-de-mallorca\/\" rel=\"category tag\">Consell de Mallorca<\/a>, <a href=\"https:\/\/www.psib-psoe.org\/mallorca\/category\/federacio-de-mallorca\/\" rel=\"category tag\">Federaci\u00f3 de Mallorca<\/a>, <a href=\"https:\/\/www.psib-psoe.org\/mallorca\/category\/federacio-de-mallorca-portada\/\" rel=\"category tag\">Federaci\u00f3 de Mallorca - Portada<\/a>, <a href=\"https:\/\/www.psib-psoe.org\/mallorca\/category\/municipis\/\" rel=\"category tag\">Municipis<\/a>, <a href=\"https:\/\/www.psib-psoe.org\/mallorca\/category\/portada\/\" rel=\"category tag\">Portada<\/a><\/aside>\n\t\t\t\t<h3 itemprop=\"headline\"><a href=\"https:\/\/www.psib-psoe.org\/mallorca\/el-grup-municipal-socialista-dalaro-exigeix-que-llorenc-perello-deixi-la-batlia-despres-de-ser-nomenat-director-general-del-govern-de-prohens\/\" title=\"El Grup Municipal Socialista d\u2019Alar\u00f3 exigeix que Lloren\u00e7 Perell\u00f3 deixi la batlia despr\u00e9s de ser nomenat director general del Govern de Prohens.\">El Grup Municipal Socialista d\u2019Alar\u00f3 exigeix que Lloren\u00e7 Perell\u00f3 deixi la batlia despr\u00e9s de ser nomenat director general del Govern de Prohens.<\/a><\/h3>\n\t\t\t<\/header>\n\t\t<\/div>\n\t\t<div class=\"post-content\">\n\t\t\t<a href=\"https:\/\/www.psib-psoe.org\/mallorca\/el-grup-municipal-socialista-dalaro-exigeix-que-llorenc-perello-deixi-la-batlia-despres-de-ser-nomenat-director-general-del-govern-de-prohens\/\" class=\"more-link\">Read More<\/a>\n\t\t<\/div>\n\t\t\t<aside class=\"post-bottom-meta hide\">\n\t\t<strong rel=\"author\" itemprop=\"author\" class=\"author vcard\"><span class=\"fn\">Albert<\/span><\/strong>\n\t\t<time class=\"date published time\" datetime=\"2026-02-07T10:18:09+02:00\" itemprop=\"datePublished\" content=\"2026-02-07T10:18:09+02:00\">07\/02\/2026<\/time>\n\t\t<meta itemprop=\"dateModified\" class=\"date updated\" content=\"2026-02-07T10:18:21+02:00\">\n\t\t<span class=\"hide\" itemprop=\"publisher\" itemscope itemtype=\"https:\/\/schema.org\/Organization\">\n\t\t\t<meta itemprop=\"name\" content=\"SocialistesdMca\">\n\t\t\t<span itemprop=\"logo\" itemscope itemtype=\"https:\/\/schema.org\/ImageObject\">\n\t\t\t\t<meta itemprop=\"url\" content=\"https:\/\/www.psib-psoe.org\/mallorca\/wp-content\/themes\/notio-wp\/assets\/img\/logo.png\">\n\t\t\t<\/span>\n\t\t\t<meta itemprop=\"url\" content=\"https:\/\/www.psib-psoe.org\/mallorca\/\">\n\t\t<\/span>\n\t\t\t\t<span class=\"hide\" itemprop=\"image\" itemscope itemtype=\"http:\/\/schema.org\/ImageObject\">\n\t\t\t<meta itemprop=\"url\" content=\"https:\/\/www.psib-psoe.org\/mallorca\/wp-content\/uploads\/ALARO-ANDREU-VIDAL-2-scaled.jpg\">\n\t\t\t<meta itemprop=\"width\" content=\"2560\">\n\t\t\t<meta itemprop=\"height\" content=\"1707\">\n\t\t<\/span>\n\t\t\t\t<meta itemscope itemprop=\"mainEntityOfPage\" itemtype=\"https:\/\/schema.org\/WebPage\" itemid=\"https:\/\/www.psib-psoe.org\/mallorca\/el-grup-municipal-socialista-dalaro-exigeix-que-llorenc-perello-deixi-la-batlia-despres-de-ser-nomenat-director-general-del-govern-de-prohens\/\">\n\t<\/aside>\n\t\t<\/article>\n<\/div>\n<div class=\"small-12 large-4 columns\">\n\t<article itemscope itemtype=\"http:\/\/schema.org\/Article\" class=\"post blog-style7 alt post-30914 type-post status-publish format-standard has-post-thumbnail hentry category-federacio-de-mallorca category-federacio-de-mallorca-portada category-municipis category-portada tag-amanda-fernandez tag-ares-fernandez tag-catalina-cladera tag-consell-de-mallorca tag-federacio-socialista-de-mallorca tag-joan-ferrer tag-juana-m-adrover tag-sofia-alonso\" role=\"article\">\n\t\t<figure class=\"post-gallery\"><img loading=\"lazy\" decoding=\"async\" width=\"600\" height=\"400\" src=\"https:\/\/www.psib-psoe.org\/mallorca\/wp-content\/uploads\/Rdp-zonificacio-050226-2-600x400.jpeg\" class=\"attachment-notio-general-x2 size-notio-general-x2 wp-post-image\" alt=\"\" srcset=\"https:\/\/www.psib-psoe.org\/mallorca\/wp-content\/uploads\/Rdp-zonificacio-050226-2-600x400.jpeg 600w, https:\/\/www.psib-psoe.org\/mallorca\/wp-content\/uploads\/Rdp-zonificacio-050226-2-300x200.jpeg 300w, https:\/\/www.psib-psoe.org\/mallorca\/wp-content\/uploads\/Rdp-zonificacio-050226-2-900x600.jpeg 900w, https:\/\/www.psib-psoe.org\/mallorca\/wp-content\/uploads\/Rdp-zonificacio-050226-2-20x13.jpeg 20w\" sizes=\"(max-width: 600px) 100vw, 600px\" \/><\/figure>\n\t\t<div class=\"blog-top\">\n\t\t\t<header class=\"post-title entry-header\">\n\t\t\t\t<aside class=\"post-meta cf\">\n\t\t05\/02\/2026 \/ <a href=\"https:\/\/www.psib-psoe.org\/mallorca\/category\/federacio-de-mallorca\/\" rel=\"category tag\">Federaci\u00f3 de Mallorca<\/a>, <a href=\"https:\/\/www.psib-psoe.org\/mallorca\/category\/federacio-de-mallorca-portada\/\" rel=\"category tag\">Federaci\u00f3 de Mallorca - Portada<\/a>, <a href=\"https:\/\/www.psib-psoe.org\/mallorca\/category\/municipis\/\" rel=\"category tag\">Municipis<\/a>, <a href=\"https:\/\/www.psib-psoe.org\/mallorca\/category\/portada\/\" rel=\"category tag\">Portada<\/a><\/aside>\n\t\t\t\t<h3 itemprop=\"headline\"><a href=\"https:\/\/www.psib-psoe.org\/mallorca\/els-socialistes-suneixen-a-pares-i-mares-dalumnes-per-frenar-la-zona-escolar-unica-que-vol-imposar-ppvox\/\" title=\"Els Socialistes s\u2019uneixen a pares i mares d\u2019alumnes per frenar la zona escolar \u00fanica que vol imposar PPVox.\">Els Socialistes s\u2019uneixen a pares i mares d\u2019alumnes per frenar la zona escolar \u00fanica que vol imposar PPVox.<\/a><\/h3>\n\t\t\t<\/header>\n\t\t<\/div>\n\t\t<div class=\"post-content\">\n\t\t\t<a href=\"https:\/\/www.psib-psoe.org\/mallorca\/els-socialistes-suneixen-a-pares-i-mares-dalumnes-per-frenar-la-zona-escolar-unica-que-vol-imposar-ppvox\/\" class=\"more-link\">Read More<\/a>\n\t\t<\/div>\n\t\t\t<aside class=\"post-bottom-meta hide\">\n\t\t<strong rel=\"author\" itemprop=\"author\" class=\"author vcard\"><span class=\"fn\">Albert<\/span><\/strong>\n\t\t<time class=\"date published time\" datetime=\"2026-02-05T15:42:22+02:00\" itemprop=\"datePublished\" content=\"2026-02-05T15:42:22+02:00\">05\/02\/2026<\/time>\n\t\t<meta itemprop=\"dateModified\" class=\"date updated\" content=\"2026-02-05T15:42:34+02:00\">\n\t\t<span class=\"hide\" itemprop=\"publisher\" itemscope itemtype=\"https:\/\/schema.org\/Organization\">\n\t\t\t<meta itemprop=\"name\" content=\"SocialistesdMca\">\n\t\t\t<span itemprop=\"logo\" itemscope itemtype=\"https:\/\/schema.org\/ImageObject\">\n\t\t\t\t<meta itemprop=\"url\" content=\"https:\/\/www.psib-psoe.org\/mallorca\/wp-content\/themes\/notio-wp\/assets\/img\/logo.png\">\n\t\t\t<\/span>\n\t\t\t<meta itemprop=\"url\" content=\"https:\/\/www.psib-psoe.org\/mallorca\/\">\n\t\t<\/span>\n\t\t\t\t<span class=\"hide\" itemprop=\"image\" itemscope itemtype=\"http:\/\/schema.org\/ImageObject\">\n\t\t\t<meta itemprop=\"url\" content=\"https:\/\/www.psib-psoe.org\/mallorca\/wp-content\/uploads\/Rdp-zonificacio-050226-2.jpeg\">\n\t\t\t<meta itemprop=\"width\" content=\"1600\">\n\t\t\t<meta itemprop=\"height\" content=\"1200\">\n\t\t<\/span>\n\t\t\t\t<meta itemscope itemprop=\"mainEntityOfPage\" itemtype=\"https:\/\/schema.org\/WebPage\" itemid=\"https:\/\/www.psib-psoe.org\/mallorca\/els-socialistes-suneixen-a-pares-i-mares-dalumnes-per-frenar-la-zona-escolar-unica-que-vol-imposar-ppvox\/\">\n\t<\/aside>\n\t\t<\/article>\n<\/div>\n<div class=\"small-12 large-4 columns\">\n\t<article itemscope itemtype=\"http:\/\/schema.org\/Article\" class=\"post blog-style7 alt post-30908 type-post status-publish format-standard has-post-thumbnail hentry category-federacio-de-mallorca category-federacio-de-mallorca-portada category-municipis category-portada tag-amanda-fernandez tag-jaume-mateu tag-soller-2 tag-teixidores\" role=\"article\">\n\t\t<figure class=\"post-gallery\"><img loading=\"lazy\" decoding=\"async\" width=\"600\" height=\"400\" src=\"https:\/\/www.psib-psoe.org\/mallorca\/wp-content\/uploads\/040226-Placa-Teixidores-Soller.-2-600x400.jpeg\" class=\"attachment-notio-general-x2 size-notio-general-x2 wp-post-image\" alt=\"\" srcset=\"https:\/\/www.psib-psoe.org\/mallorca\/wp-content\/uploads\/040226-Placa-Teixidores-Soller.-2-600x400.jpeg 600w, https:\/\/www.psib-psoe.org\/mallorca\/wp-content\/uploads\/040226-Placa-Teixidores-Soller.-2-300x200.jpeg 300w, https:\/\/www.psib-psoe.org\/mallorca\/wp-content\/uploads\/040226-Placa-Teixidores-Soller.-2-900x600.jpeg 900w, https:\/\/www.psib-psoe.org\/mallorca\/wp-content\/uploads\/040226-Placa-Teixidores-Soller.-2-20x13.jpeg 20w\" sizes=\"(max-width: 600px) 100vw, 600px\" \/><\/figure>\n\t\t<div class=\"blog-top\">\n\t\t\t<header class=\"post-title entry-header\">\n\t\t\t\t<aside class=\"post-meta cf\">\n\t\t04\/02\/2026 \/ <a href=\"https:\/\/www.psib-psoe.org\/mallorca\/category\/federacio-de-mallorca\/\" rel=\"category tag\">Federaci\u00f3 de Mallorca<\/a>, <a href=\"https:\/\/www.psib-psoe.org\/mallorca\/category\/federacio-de-mallorca-portada\/\" rel=\"category tag\">Federaci\u00f3 de Mallorca - Portada<\/a>, <a href=\"https:\/\/www.psib-psoe.org\/mallorca\/category\/municipis\/\" rel=\"category tag\">Municipis<\/a>, <a href=\"https:\/\/www.psib-psoe.org\/mallorca\/category\/portada\/\" rel=\"category tag\">Portada<\/a><\/aside>\n\t\t\t\t<h3 itemprop=\"headline\"><a href=\"https:\/\/www.psib-psoe.org\/mallorca\/els-socialistes-de-soller-rebutgen-la-segona-proposta-per-edificar-la-placa-teixidores-presentada-per-lequip-de-govern-i-linsten-a-cercar\/\" title=\"Els\u00a0Socialistes\u00a0de\u00a0S\u00f3ller\u00a0rebutgen\u00a0la\u00a0segona\u00a0proposta\u00a0per\u00a0edificar la Pla\u00e7a Teixidores presentada per l\u2019equip de govern i l\u2019insten a cercar solars adequats per fer m\u00e9s habitatge p\u00fablic\">Els\u00a0Socialistes\u00a0de\u00a0S\u00f3ller\u00a0rebutgen\u00a0la\u00a0segona\u00a0proposta\u00a0per\u00a0edificar la Pla\u00e7a Teixidores presentada per l\u2019equip de govern i l\u2019insten a cercar solars adequats per fer m\u00e9s habitatge p\u00fablic<\/a><\/h3>\n\t\t\t<\/header>\n\t\t<\/div>\n\t\t<div class=\"post-content\">\n\t\t\t<a href=\"https:\/\/www.psib-psoe.org\/mallorca\/els-socialistes-de-soller-rebutgen-la-segona-proposta-per-edificar-la-placa-teixidores-presentada-per-lequip-de-govern-i-linsten-a-cercar\/\" class=\"more-link\">Read More<\/a>\n\t\t<\/div>\n\t\t\t<aside class=\"post-bottom-meta hide\">\n\t\t<strong rel=\"author\" itemprop=\"author\" class=\"author vcard\"><span class=\"fn\">Marc<\/span><\/strong>\n\t\t<time class=\"date published time\" datetime=\"2026-02-04T14:46:58+02:00\" itemprop=\"datePublished\" content=\"2026-02-04T14:46:58+02:00\">04\/02\/2026<\/time>\n\t\t<meta itemprop=\"dateModified\" class=\"date updated\" content=\"2026-02-04T14:48:33+02:00\">\n\t\t<span class=\"hide\" itemprop=\"publisher\" itemscope itemtype=\"https:\/\/schema.org\/Organization\">\n\t\t\t<meta itemprop=\"name\" content=\"SocialistesdMca\">\n\t\t\t<span itemprop=\"logo\" itemscope itemtype=\"https:\/\/schema.org\/ImageObject\">\n\t\t\t\t<meta itemprop=\"url\" content=\"https:\/\/www.psib-psoe.org\/mallorca\/wp-content\/themes\/notio-wp\/assets\/img\/logo.png\">\n\t\t\t<\/span>\n\t\t\t<meta itemprop=\"url\" content=\"https:\/\/www.psib-psoe.org\/mallorca\/\">\n\t\t<\/span>\n\t\t\t\t<span class=\"hide\" itemprop=\"image\" itemscope itemtype=\"http:\/\/schema.org\/ImageObject\">\n\t\t\t<meta itemprop=\"url\" content=\"https:\/\/www.psib-psoe.org\/mallorca\/wp-content\/uploads\/040226-Placa-Teixidores-Soller.-2.jpeg\">\n\t\t\t<meta itemprop=\"width\" content=\"2048\">\n\t\t\t<meta itemprop=\"height\" content=\"1536\">\n\t\t<\/span>\n\t\t\t\t<meta itemscope itemprop=\"mainEntityOfPage\" itemtype=\"https:\/\/schema.org\/WebPage\" itemid=\"https:\/\/www.psib-psoe.org\/mallorca\/els-socialistes-de-soller-rebutgen-la-segona-proposta-per-edificar-la-placa-teixidores-presentada-per-lequip-de-govern-i-linsten-a-cercar\/\">\n\t<\/aside>\n\t\t<\/article>\n<\/div>\n<div class=\"small-12 large-4 columns\">\n\t<article itemscope itemtype=\"http:\/\/schema.org\/Article\" class=\"post blog-style7 alt post-30905 type-post status-publish format-standard has-post-thumbnail hentry category-15e-congres-fsm category-federacio-de-mallorca category-federacio-de-mallorca-portada category-portada tag-amanda-fernandez tag-ana-maria-muela tag-ares-fernandez tag-joventuts-socialistes-de-les-illes-balears tag-joventuts-socialistes-de-mallorca tag-maria-bel-llinas-2\" role=\"article\">\n\t\t<figure class=\"post-gallery\"><img loading=\"lazy\" decoding=\"async\" width=\"600\" height=\"400\" src=\"https:\/\/www.psib-psoe.org\/mallorca\/wp-content\/uploads\/Mendez-JSMa-2-600x400.jpeg\" class=\"attachment-notio-general-x2 size-notio-general-x2 wp-post-image\" alt=\"\" srcset=\"https:\/\/www.psib-psoe.org\/mallorca\/wp-content\/uploads\/Mendez-JSMa-2-600x400.jpeg 600w, https:\/\/www.psib-psoe.org\/mallorca\/wp-content\/uploads\/Mendez-JSMa-2-300x200.jpeg 300w, https:\/\/www.psib-psoe.org\/mallorca\/wp-content\/uploads\/Mendez-JSMa-2-1024x682.jpeg 1024w, https:\/\/www.psib-psoe.org\/mallorca\/wp-content\/uploads\/Mendez-JSMa-2-768x512.jpeg 768w, https:\/\/www.psib-psoe.org\/mallorca\/wp-content\/uploads\/Mendez-JSMa-2-1536x1023.jpeg 1536w, https:\/\/www.psib-psoe.org\/mallorca\/wp-content\/uploads\/Mendez-JSMa-2-150x100.jpeg 150w, https:\/\/www.psib-psoe.org\/mallorca\/wp-content\/uploads\/Mendez-JSMa-2-900x600.jpeg 900w, https:\/\/www.psib-psoe.org\/mallorca\/wp-content\/uploads\/Mendez-JSMa-2-20x13.jpeg 20w, https:\/\/www.psib-psoe.org\/mallorca\/wp-content\/uploads\/Mendez-JSMa-2.jpeg 1600w\" sizes=\"(max-width: 600px) 100vw, 600px\" \/><\/figure>\n\t\t<div class=\"blog-top\">\n\t\t\t<header class=\"post-title entry-header\">\n\t\t\t\t<aside class=\"post-meta cf\">\n\t\t03\/02\/2026 \/ <a href=\"https:\/\/www.psib-psoe.org\/mallorca\/category\/15e-congres-fsm\/\" rel=\"category tag\">15\u00e8 Congr\u00e9s FSM<\/a>, <a href=\"https:\/\/www.psib-psoe.org\/mallorca\/category\/federacio-de-mallorca\/\" rel=\"category tag\">Federaci\u00f3 de Mallorca<\/a>, <a href=\"https:\/\/www.psib-psoe.org\/mallorca\/category\/federacio-de-mallorca-portada\/\" rel=\"category tag\">Federaci\u00f3 de Mallorca - Portada<\/a>, <a href=\"https:\/\/www.psib-psoe.org\/mallorca\/category\/portada\/\" rel=\"category tag\">Portada<\/a><\/aside>\n\t\t\t\t<h3 itemprop=\"headline\"><a href=\"https:\/\/www.psib-psoe.org\/mallorca\/joventuts-socialistes-reclamen-al-consell-de-mallorca-linici-immediat-dun-proces-participatiu-real-per-a-lelaboracio-del-pla-insular-de-joventut\/\" title=\"Joventuts Socialistes reclamen al Consell de Mallorca l\u2019inici \u201cimmediat d\u2019un proc\u00e9s participatiu real\u201d per a l&#8217;elaboraci\u00f3 del Pla Insular de Joventut.\">Joventuts Socialistes reclamen al Consell de Mallorca l\u2019inici \u201cimmediat d\u2019un proc\u00e9s participatiu real\u201d per a l&#8217;elaboraci\u00f3 del Pla Insular de Joventut.<\/a><\/h3>\n\t\t\t<\/header>\n\t\t<\/div>\n\t\t<div class=\"post-content\">\n\t\t\t<a href=\"https:\/\/www.psib-psoe.org\/mallorca\/joventuts-socialistes-reclamen-al-consell-de-mallorca-linici-immediat-dun-proces-participatiu-real-per-a-lelaboracio-del-pla-insular-de-joventut\/\" class=\"more-link\">Read More<\/a>\n\t\t<\/div>\n\t\t\t<aside class=\"post-bottom-meta hide\">\n\t\t<strong rel=\"author\" itemprop=\"author\" class=\"author vcard\"><span class=\"fn\">Albert<\/span><\/strong>\n\t\t<time class=\"date published time\" datetime=\"2026-02-03T12:45:00+02:00\" itemprop=\"datePublished\" content=\"2026-02-03T12:45:00+02:00\">03\/02\/2026<\/time>\n\t\t<meta itemprop=\"dateModified\" class=\"date updated\" content=\"2026-02-03T12:45:13+02:00\">\n\t\t<span class=\"hide\" itemprop=\"publisher\" itemscope itemtype=\"https:\/\/schema.org\/Organization\">\n\t\t\t<meta itemprop=\"name\" content=\"SocialistesdMca\">\n\t\t\t<span itemprop=\"logo\" itemscope itemtype=\"https:\/\/schema.org\/ImageObject\">\n\t\t\t\t<meta itemprop=\"url\" content=\"https:\/\/www.psib-psoe.org\/mallorca\/wp-content\/themes\/notio-wp\/assets\/img\/logo.png\">\n\t\t\t<\/span>\n\t\t\t<meta itemprop=\"url\" content=\"https:\/\/www.psib-psoe.org\/mallorca\/\">\n\t\t<\/span>\n\t\t\t\t<span class=\"hide\" itemprop=\"image\" itemscope itemtype=\"http:\/\/schema.org\/ImageObject\">\n\t\t\t<meta itemprop=\"url\" content=\"https:\/\/www.psib-psoe.org\/mallorca\/wp-content\/uploads\/Mendez-JSMa-2.jpeg\">\n\t\t\t<meta itemprop=\"width\" content=\"1600\">\n\t\t\t<meta itemprop=\"height\" content=\"1066\">\n\t\t<\/span>\n\t\t\t\t<meta itemscope itemprop=\"mainEntityOfPage\" itemtype=\"https:\/\/schema.org\/WebPage\" itemid=\"https:\/\/www.psib-psoe.org\/mallorca\/joventuts-socialistes-reclamen-al-consell-de-mallorca-linici-immediat-dun-proces-participatiu-real-per-a-lelaboracio-del-pla-insular-de-joventut\/\">\n\t<\/aside>\n\t\t<\/article>\n<\/div>\n<div class=\"small-12 large-4 columns\">\n\t<article itemscope itemtype=\"http:\/\/schema.org\/Article\" class=\"post blog-style7 alt post-30891 type-post status-publish format-standard has-post-thumbnail hentry category-federacio-de-mallorca category-federacio-de-mallorca-portada category-municipis category-portada tag-agrupacio-socialista-de-llucmajor tag-amanda-fernandez tag-elsa-herranz tag-federacio-socialista-de-mallorca tag-jaume-j-oliver-2\" role=\"article\">\n\t\t<figure class=\"post-gallery\"><img loading=\"lazy\" decoding=\"async\" width=\"600\" height=\"400\" src=\"https:\/\/www.psib-psoe.org\/mallorca\/wp-content\/uploads\/Logos-oposicio-Llucmajor-600x400.jpeg\" class=\"attachment-notio-general-x2 size-notio-general-x2 wp-post-image\" alt=\"\" srcset=\"https:\/\/www.psib-psoe.org\/mallorca\/wp-content\/uploads\/Logos-oposicio-Llucmajor-600x400.jpeg 600w, https:\/\/www.psib-psoe.org\/mallorca\/wp-content\/uploads\/Logos-oposicio-Llucmajor-300x200.jpeg 300w, https:\/\/www.psib-psoe.org\/mallorca\/wp-content\/uploads\/Logos-oposicio-Llucmajor-20x13.jpeg 20w\" sizes=\"(max-width: 600px) 100vw, 600px\" \/><\/figure>\n\t\t<div class=\"blog-top\">\n\t\t\t<header class=\"post-title entry-header\">\n\t\t\t\t<aside class=\"post-meta cf\">\n\t\t29\/01\/2026 \/ <a href=\"https:\/\/www.psib-psoe.org\/mallorca\/category\/federacio-de-mallorca\/\" rel=\"category tag\">Federaci\u00f3 de Mallorca<\/a>, <a href=\"https:\/\/www.psib-psoe.org\/mallorca\/category\/federacio-de-mallorca-portada\/\" rel=\"category tag\">Federaci\u00f3 de Mallorca - Portada<\/a>, <a href=\"https:\/\/www.psib-psoe.org\/mallorca\/category\/municipis\/\" rel=\"category tag\">Municipis<\/a>, <a href=\"https:\/\/www.psib-psoe.org\/mallorca\/category\/portada\/\" rel=\"category tag\">Portada<\/a><\/aside>\n\t\t\t\t<h3 itemprop=\"headline\"><a href=\"https:\/\/www.psib-psoe.org\/mallorca\/loposicio-de-llucmajor-denuncia-la-censura-selectiva-de-la-batlessa-i-recorda-que-lunic-bloqueig-real-es-la-inaccio-de-lequip-de-govern\/\" title=\"L\u2019oposici\u00f3 de Llucmajor denuncia la \u201ccensura selectiva\u201d de la batlessa i recorda que l\u2019\u00fanic bloqueig real \u00e9s la inacci\u00f3 de l\u2019equip de govern\">L\u2019oposici\u00f3 de Llucmajor denuncia la \u201ccensura selectiva\u201d de la batlessa i recorda que l\u2019\u00fanic bloqueig real \u00e9s la inacci\u00f3 de l\u2019equip de govern<\/a><\/h3>\n\t\t\t<\/header>\n\t\t<\/div>\n\t\t<div class=\"post-content\">\n\t\t\t<a href=\"https:\/\/www.psib-psoe.org\/mallorca\/loposicio-de-llucmajor-denuncia-la-censura-selectiva-de-la-batlessa-i-recorda-que-lunic-bloqueig-real-es-la-inaccio-de-lequip-de-govern\/\" class=\"more-link\">Read More<\/a>\n\t\t<\/div>\n\t\t\t<aside class=\"post-bottom-meta hide\">\n\t\t<strong rel=\"author\" itemprop=\"author\" class=\"author vcard\"><span class=\"fn\">Albert<\/span><\/strong>\n\t\t<time class=\"date published time\" datetime=\"2026-01-29T22:35:58+02:00\" itemprop=\"datePublished\" content=\"2026-01-29T22:35:58+02:00\">29\/01\/2026<\/time>\n\t\t<meta itemprop=\"dateModified\" class=\"date updated\" content=\"2026-01-29T22:36:09+02:00\">\n\t\t<span class=\"hide\" itemprop=\"publisher\" itemscope itemtype=\"https:\/\/schema.org\/Organization\">\n\t\t\t<meta itemprop=\"name\" content=\"SocialistesdMca\">\n\t\t\t<span itemprop=\"logo\" itemscope itemtype=\"https:\/\/schema.org\/ImageObject\">\n\t\t\t\t<meta itemprop=\"url\" content=\"https:\/\/www.psib-psoe.org\/mallorca\/wp-content\/themes\/notio-wp\/assets\/img\/logo.png\">\n\t\t\t<\/span>\n\t\t\t<meta itemprop=\"url\" content=\"https:\/\/www.psib-psoe.org\/mallorca\/\">\n\t\t<\/span>\n\t\t\t\t<span class=\"hide\" itemprop=\"image\" itemscope itemtype=\"http:\/\/schema.org\/ImageObject\">\n\t\t\t<meta itemprop=\"url\" content=\"https:\/\/www.psib-psoe.org\/mallorca\/wp-content\/uploads\/Logos-oposicio-Llucmajor.jpeg\">\n\t\t\t<meta itemprop=\"width\" content=\"1600\">\n\t\t\t<meta itemprop=\"height\" content=\"416\">\n\t\t<\/span>\n\t\t\t\t<meta itemscope itemprop=\"mainEntityOfPage\" itemtype=\"https:\/\/schema.org\/WebPage\" itemid=\"https:\/\/www.psib-psoe.org\/mallorca\/loposicio-de-llucmajor-denuncia-la-censura-selectiva-de-la-batlessa-i-recorda-que-lunic-bloqueig-real-es-la-inaccio-de-lequip-de-govern\/\">\n\t<\/aside>\n\t\t<\/article>\n<\/div>\n<div class=\"small-12 large-4 columns\">\n\t<article itemscope itemtype=\"http:\/\/schema.org\/Article\" class=\"post blog-style7 alt post-30888 type-post status-publish format-standard has-post-thumbnail hentry category-federacio-de-mallorca category-federacio-de-mallorca-portada category-municipis category-portada tag-amanda-fernandez tag-ares-fernandez tag-bea-gamundi tag-federacio-socialista-de-mallorca tag-jaume-mateu tag-mercedes-garrido tag-psib-psoe tag-rafel-oliver tag-toni-moreno tag-xisco-arrom\" role=\"article\">\n\t\t<figure class=\"post-gallery\"><img loading=\"lazy\" decoding=\"async\" width=\"600\" height=\"400\" src=\"https:\/\/www.psib-psoe.org\/mallorca\/wp-content\/uploads\/Maria-de-la-Salut-reunio-pla-urbanistic-600x400.jpeg\" class=\"attachment-notio-general-x2 size-notio-general-x2 wp-post-image\" alt=\"\" srcset=\"https:\/\/www.psib-psoe.org\/mallorca\/wp-content\/uploads\/Maria-de-la-Salut-reunio-pla-urbanistic-600x400.jpeg 600w, https:\/\/www.psib-psoe.org\/mallorca\/wp-content\/uploads\/Maria-de-la-Salut-reunio-pla-urbanistic-300x200.jpeg 300w, https:\/\/www.psib-psoe.org\/mallorca\/wp-content\/uploads\/Maria-de-la-Salut-reunio-pla-urbanistic-900x600.jpeg 900w, https:\/\/www.psib-psoe.org\/mallorca\/wp-content\/uploads\/Maria-de-la-Salut-reunio-pla-urbanistic-20x13.jpeg 20w\" sizes=\"(max-width: 600px) 100vw, 600px\" \/><\/figure>\n\t\t<div class=\"blog-top\">\n\t\t\t<header class=\"post-title entry-header\">\n\t\t\t\t<aside class=\"post-meta cf\">\n\t\t29\/01\/2026 \/ <a href=\"https:\/\/www.psib-psoe.org\/mallorca\/category\/federacio-de-mallorca\/\" rel=\"category tag\">Federaci\u00f3 de Mallorca<\/a>, <a href=\"https:\/\/www.psib-psoe.org\/mallorca\/category\/federacio-de-mallorca-portada\/\" rel=\"category tag\">Federaci\u00f3 de Mallorca - Portada<\/a>, <a href=\"https:\/\/www.psib-psoe.org\/mallorca\/category\/municipis\/\" rel=\"category tag\">Municipis<\/a>, <a href=\"https:\/\/www.psib-psoe.org\/mallorca\/category\/portada\/\" rel=\"category tag\">Portada<\/a><\/aside>\n\t\t\t\t<h3 itemprop=\"headline\"><a href=\"https:\/\/www.psib-psoe.org\/mallorca\/els-socialistes-de-maria-de-la-salut-recullen-el-malestar-dels-veinats-davant-les-modificacions-del-nou-planejament-municipal-que-ha-imposat-el-batle\/\" title=\"Els Socialistes de Maria de la Salut recullen el malestar dels ve\u00efnats davant les modificacions del nou planejament municipal que ha imposat el batle.\">Els Socialistes de Maria de la Salut recullen el malestar dels ve\u00efnats davant les modificacions del nou planejament municipal que ha imposat el batle.<\/a><\/h3>\n\t\t\t<\/header>\n\t\t<\/div>\n\t\t<div class=\"post-content\">\n\t\t\t<a href=\"https:\/\/www.psib-psoe.org\/mallorca\/els-socialistes-de-maria-de-la-salut-recullen-el-malestar-dels-veinats-davant-les-modificacions-del-nou-planejament-municipal-que-ha-imposat-el-batle\/\" class=\"more-link\">Read More<\/a>\n\t\t<\/div>\n\t\t\t<aside class=\"post-bottom-meta hide\">\n\t\t<strong rel=\"author\" itemprop=\"author\" class=\"author vcard\"><span class=\"fn\">Albert<\/span><\/strong>\n\t\t<time class=\"date published time\" datetime=\"2026-01-29T14:47:12+02:00\" itemprop=\"datePublished\" content=\"2026-01-29T14:47:12+02:00\">29\/01\/2026<\/time>\n\t\t<meta itemprop=\"dateModified\" class=\"date updated\" content=\"2026-01-29T14:47:24+02:00\">\n\t\t<span class=\"hide\" itemprop=\"publisher\" itemscope itemtype=\"https:\/\/schema.org\/Organization\">\n\t\t\t<meta itemprop=\"name\" content=\"SocialistesdMca\">\n\t\t\t<span itemprop=\"logo\" itemscope itemtype=\"https:\/\/schema.org\/ImageObject\">\n\t\t\t\t<meta itemprop=\"url\" content=\"https:\/\/www.psib-psoe.org\/mallorca\/wp-content\/themes\/notio-wp\/assets\/img\/logo.png\">\n\t\t\t<\/span>\n\t\t\t<meta itemprop=\"url\" content=\"https:\/\/www.psib-psoe.org\/mallorca\/\">\n\t\t<\/span>\n\t\t\t\t<span class=\"hide\" itemprop=\"image\" itemscope itemtype=\"http:\/\/schema.org\/ImageObject\">\n\t\t\t<meta itemprop=\"url\" content=\"https:\/\/www.psib-psoe.org\/mallorca\/wp-content\/uploads\/Maria-de-la-Salut-reunio-pla-urbanistic.jpeg\">\n\t\t\t<meta itemprop=\"width\" content=\"2048\">\n\t\t\t<meta itemprop=\"height\" content=\"1536\">\n\t\t<\/span>\n\t\t\t\t<meta itemscope itemprop=\"mainEntityOfPage\" itemtype=\"https:\/\/schema.org\/WebPage\" itemid=\"https:\/\/www.psib-psoe.org\/mallorca\/els-socialistes-de-maria-de-la-salut-recullen-el-malestar-dels-veinats-davant-les-modificacions-del-nou-planejament-municipal-que-ha-imposat-el-batle\/\">\n\t<\/aside>\n\t\t<\/article>\n<\/div>\n<div class=\"small-12 large-4 columns\">\n\t<article itemscope itemtype=\"http:\/\/schema.org\/Article\" class=\"post blog-style7 alt post-30885 type-post status-publish format-standard has-post-thumbnail hentry category-federacio-de-mallorca category-federacio-de-mallorca-portada category-municipis category-portada tag-agrupacio-socialista-de-son-servera tag-amanda-fernandez tag-ares-fernandez tag-fa-fang-dong tag-federacio-socialista-de-mallorca tag-psib-psoe tag-remedios-canadas tag-son-servera\" role=\"article\">\n\t\t<figure class=\"post-gallery\"><img loading=\"lazy\" decoding=\"async\" width=\"600\" height=\"400\" src=\"https:\/\/www.psib-psoe.org\/mallorca\/wp-content\/uploads\/Ple-Son-Servera-600x400.jpeg\" class=\"attachment-notio-general-x2 size-notio-general-x2 wp-post-image\" alt=\"\" srcset=\"https:\/\/www.psib-psoe.org\/mallorca\/wp-content\/uploads\/Ple-Son-Servera-600x400.jpeg 600w, https:\/\/www.psib-psoe.org\/mallorca\/wp-content\/uploads\/Ple-Son-Servera-300x200.jpeg 300w, https:\/\/www.psib-psoe.org\/mallorca\/wp-content\/uploads\/Ple-Son-Servera-20x13.jpeg 20w\" sizes=\"(max-width: 600px) 100vw, 600px\" \/><\/figure>\n\t\t<div class=\"blog-top\">\n\t\t\t<header class=\"post-title entry-header\">\n\t\t\t\t<aside class=\"post-meta cf\">\n\t\t28\/01\/2026 \/ <a href=\"https:\/\/www.psib-psoe.org\/mallorca\/category\/federacio-de-mallorca\/\" rel=\"category tag\">Federaci\u00f3 de Mallorca<\/a>, <a href=\"https:\/\/www.psib-psoe.org\/mallorca\/category\/federacio-de-mallorca-portada\/\" rel=\"category tag\">Federaci\u00f3 de Mallorca - Portada<\/a>, <a href=\"https:\/\/www.psib-psoe.org\/mallorca\/category\/municipis\/\" rel=\"category tag\">Municipis<\/a>, <a href=\"https:\/\/www.psib-psoe.org\/mallorca\/category\/portada\/\" rel=\"category tag\">Portada<\/a><\/aside>\n\t\t\t\t<h3 itemprop=\"headline\"><a href=\"https:\/\/www.psib-psoe.org\/mallorca\/els-socialistes-de-son-servera-denuncien-el-deteriorament-de-latencio-sanitaria-al-municipi-i-exigeixen-la-reobertura-completa-de-la-unitat-de-salut-de-cala-millor\/\" title=\"Els Socialistes de Son Servera denuncien el deteriorament de l\u2019atenci\u00f3 sanit\u00e0ria al municipi i exigeixen la reobertura completa de la unitat de salut de Cala Millor.\">Els Socialistes de Son Servera denuncien el deteriorament de l\u2019atenci\u00f3 sanit\u00e0ria al municipi i exigeixen la reobertura completa de la unitat de salut de Cala Millor.<\/a><\/h3>\n\t\t\t<\/header>\n\t\t<\/div>\n\t\t<div class=\"post-content\">\n\t\t\t<a href=\"https:\/\/www.psib-psoe.org\/mallorca\/els-socialistes-de-son-servera-denuncien-el-deteriorament-de-latencio-sanitaria-al-municipi-i-exigeixen-la-reobertura-completa-de-la-unitat-de-salut-de-cala-millor\/\" class=\"more-link\">Read More<\/a>\n\t\t<\/div>\n\t\t\t<aside class=\"post-bottom-meta hide\">\n\t\t<strong rel=\"author\" itemprop=\"author\" class=\"author vcard\"><span class=\"fn\">Albert<\/span><\/strong>\n\t\t<time class=\"date published time\" datetime=\"2026-01-28T12:49:21+02:00\" itemprop=\"datePublished\" content=\"2026-01-28T12:49:21+02:00\">28\/01\/2026<\/time>\n\t\t<meta itemprop=\"dateModified\" class=\"date updated\" content=\"2026-01-28T12:49:34+02:00\">\n\t\t<span class=\"hide\" itemprop=\"publisher\" itemscope itemtype=\"https:\/\/schema.org\/Organization\">\n\t\t\t<meta itemprop=\"name\" content=\"SocialistesdMca\">\n\t\t\t<span itemprop=\"logo\" itemscope itemtype=\"https:\/\/schema.org\/ImageObject\">\n\t\t\t\t<meta itemprop=\"url\" content=\"https:\/\/www.psib-psoe.org\/mallorca\/wp-content\/themes\/notio-wp\/assets\/img\/logo.png\">\n\t\t\t<\/span>\n\t\t\t<meta itemprop=\"url\" content=\"https:\/\/www.psib-psoe.org\/mallorca\/\">\n\t\t<\/span>\n\t\t\t\t<span class=\"hide\" itemprop=\"image\" itemscope itemtype=\"http:\/\/schema.org\/ImageObject\">\n\t\t\t<meta itemprop=\"url\" content=\"https:\/\/www.psib-psoe.org\/mallorca\/wp-content\/uploads\/Ple-Son-Servera.jpeg\">\n\t\t\t<meta itemprop=\"width\" content=\"879\">\n\t\t\t<meta itemprop=\"height\" content=\"603\">\n\t\t<\/span>\n\t\t\t\t<meta itemscope itemprop=\"mainEntityOfPage\" itemtype=\"https:\/\/schema.org\/WebPage\" itemid=\"https:\/\/www.psib-psoe.org\/mallorca\/els-socialistes-de-son-servera-denuncien-el-deteriorament-de-latencio-sanitaria-al-municipi-i-exigeixen-la-reobertura-completa-de-la-unitat-de-salut-de-cala-millor\/\">\n\t<\/aside>\n\t\t<\/article>\n<\/div>\n<div class=\"small-12 large-4 columns\">\n\t<article itemscope itemtype=\"http:\/\/schema.org\/Article\" class=\"post blog-style7 alt post-30881 type-post status-publish format-standard has-post-thumbnail hentry category-federacio-de-mallorca category-federacio-de-mallorca-portada category-municipis category-portada tag-amanda-fernandez tag-ares-fernandez tag-consell-de-mallorca tag-federacio-socialista-de-mallorca tag-juana-m-adrover tag-marti-march tag-miquel-cabot tag-paula-ginard tag-tolo-aguilar\" role=\"article\">\n\t\t<figure class=\"post-gallery\"><img loading=\"lazy\" decoding=\"async\" width=\"600\" height=\"400\" src=\"https:\/\/www.psib-psoe.org\/mallorca\/wp-content\/uploads\/Consell-Politic-FSM-GENER-26-600x400.jpeg\" class=\"attachment-notio-general-x2 size-notio-general-x2 wp-post-image\" alt=\"\" srcset=\"https:\/\/www.psib-psoe.org\/mallorca\/wp-content\/uploads\/Consell-Politic-FSM-GENER-26-600x400.jpeg 600w, https:\/\/www.psib-psoe.org\/mallorca\/wp-content\/uploads\/Consell-Politic-FSM-GENER-26-300x200.jpeg 300w, https:\/\/www.psib-psoe.org\/mallorca\/wp-content\/uploads\/Consell-Politic-FSM-GENER-26-900x600.jpeg 900w, https:\/\/www.psib-psoe.org\/mallorca\/wp-content\/uploads\/Consell-Politic-FSM-GENER-26-20x13.jpeg 20w\" sizes=\"(max-width: 600px) 100vw, 600px\" \/><\/figure>\n\t\t<div class=\"blog-top\">\n\t\t\t<header class=\"post-title entry-header\">\n\t\t\t\t<aside class=\"post-meta cf\">\n\t\t27\/01\/2026 \/ <a href=\"https:\/\/www.psib-psoe.org\/mallorca\/category\/federacio-de-mallorca\/\" rel=\"category tag\">Federaci\u00f3 de Mallorca<\/a>, <a href=\"https:\/\/www.psib-psoe.org\/mallorca\/category\/federacio-de-mallorca-portada\/\" rel=\"category tag\">Federaci\u00f3 de Mallorca - Portada<\/a>, <a href=\"https:\/\/www.psib-psoe.org\/mallorca\/category\/municipis\/\" rel=\"category tag\">Municipis<\/a>, <a href=\"https:\/\/www.psib-psoe.org\/mallorca\/category\/portada\/\" rel=\"category tag\">Portada<\/a><\/aside>\n\t\t\t\t<h3 itemprop=\"headline\"><a href=\"https:\/\/www.psib-psoe.org\/mallorca\/la-federacio-socialista-de-mallorca-inicia-lany-politic-reclamant-el-canvi-que-necessita-lilla-davant-la-deriva-ultra-i-privatitzadora-dels-governs-de-prohens-i-ga\/\" title=\"La Federaci\u00f3 Socialista de Mallorca inicia l\u2019any pol\u00edtic reclamant \u201cel canvi que necessita l\u2019illa\u201d, davant la deriva ultra i privatitzadora dels governs de Prohens i Galm\u00e9s.\">La Federaci\u00f3 Socialista de Mallorca inicia l\u2019any pol\u00edtic reclamant \u201cel canvi que necessita l\u2019illa\u201d, davant la deriva ultra i privatitzadora dels governs de Prohens i Galm\u00e9s.<\/a><\/h3>\n\t\t\t<\/header>\n\t\t<\/div>\n\t\t<div class=\"post-content\">\n\t\t\t<a href=\"https:\/\/www.psib-psoe.org\/mallorca\/la-federacio-socialista-de-mallorca-inicia-lany-politic-reclamant-el-canvi-que-necessita-lilla-davant-la-deriva-ultra-i-privatitzadora-dels-governs-de-prohens-i-ga\/\" class=\"more-link\">Read More<\/a>\n\t\t<\/div>\n\t\t\t<aside class=\"post-bottom-meta hide\">\n\t\t<strong rel=\"author\" itemprop=\"author\" class=\"author vcard\"><span class=\"fn\">Albert<\/span><\/strong>\n\t\t<time class=\"date published time\" datetime=\"2026-01-27T20:34:41+02:00\" itemprop=\"datePublished\" content=\"2026-01-27T20:34:41+02:00\">27\/01\/2026<\/time>\n\t\t<meta itemprop=\"dateModified\" class=\"date updated\" content=\"2026-01-27T20:34:52+02:00\">\n\t\t<span class=\"hide\" itemprop=\"publisher\" itemscope itemtype=\"https:\/\/schema.org\/Organization\">\n\t\t\t<meta itemprop=\"name\" content=\"SocialistesdMca\">\n\t\t\t<span itemprop=\"logo\" itemscope itemtype=\"https:\/\/schema.org\/ImageObject\">\n\t\t\t\t<meta itemprop=\"url\" content=\"https:\/\/www.psib-psoe.org\/mallorca\/wp-content\/themes\/notio-wp\/assets\/img\/logo.png\">\n\t\t\t<\/span>\n\t\t\t<meta itemprop=\"url\" content=\"https:\/\/www.psib-psoe.org\/mallorca\/\">\n\t\t<\/span>\n\t\t\t\t<span class=\"hide\" itemprop=\"image\" itemscope itemtype=\"http:\/\/schema.org\/ImageObject\">\n\t\t\t<meta itemprop=\"url\" content=\"https:\/\/www.psib-psoe.org\/mallorca\/wp-content\/uploads\/Consell-Politic-FSM-GENER-26.jpeg\">\n\t\t\t<meta itemprop=\"width\" content=\"1600\">\n\t\t\t<meta itemprop=\"height\" content=\"614\">\n\t\t<\/span>\n\t\t\t\t<meta itemscope itemprop=\"mainEntityOfPage\" itemtype=\"https:\/\/schema.org\/WebPage\" itemid=\"https:\/\/www.psib-psoe.org\/mallorca\/la-federacio-socialista-de-mallorca-inicia-lany-politic-reclamant-el-canvi-que-necessita-lilla-davant-la-deriva-ultra-i-privatitzadora-dels-governs-de-prohens-i-ga\/\">\n\t<\/aside>\n\t\t<\/article>\n<\/div>\n<div class=\"small-12 large-4 columns\">\n\t<article itemscope itemtype=\"http:\/\/schema.org\/Article\" class=\"post blog-style7 alt post-30878 type-post status-publish format-standard has-post-thumbnail hentry category-federacio-de-mallorca category-federacio-de-mallorca-portada category-municipis category-portada tag-agrupacio-socialista-marratxi tag-amanda-fernandez tag-ares-fernandez tag-miquel-cabot tag-psib-psoe tag-tolo-aguilar\" role=\"article\">\n\t\t<figure class=\"post-gallery\"><img loading=\"lazy\" decoding=\"async\" width=\"600\" height=\"400\" src=\"https:\/\/www.psib-psoe.org\/mallorca\/wp-content\/uploads\/Miquel-Cabot--600x400.jpeg\" class=\"attachment-notio-general-x2 size-notio-general-x2 wp-post-image\" alt=\"\" srcset=\"https:\/\/www.psib-psoe.org\/mallorca\/wp-content\/uploads\/Miquel-Cabot--600x400.jpeg 600w, https:\/\/www.psib-psoe.org\/mallorca\/wp-content\/uploads\/Miquel-Cabot--300x200.jpeg 300w, https:\/\/www.psib-psoe.org\/mallorca\/wp-content\/uploads\/Miquel-Cabot--900x600.jpeg 900w, https:\/\/www.psib-psoe.org\/mallorca\/wp-content\/uploads\/Miquel-Cabot--20x13.jpeg 20w\" sizes=\"(max-width: 600px) 100vw, 600px\" \/><\/figure>\n\t\t<div class=\"blog-top\">\n\t\t\t<header class=\"post-title entry-header\">\n\t\t\t\t<aside class=\"post-meta cf\">\n\t\t26\/01\/2026 \/ <a href=\"https:\/\/www.psib-psoe.org\/mallorca\/category\/federacio-de-mallorca\/\" rel=\"category tag\">Federaci\u00f3 de Mallorca<\/a>, <a href=\"https:\/\/www.psib-psoe.org\/mallorca\/category\/federacio-de-mallorca-portada\/\" rel=\"category tag\">Federaci\u00f3 de Mallorca - Portada<\/a>, <a href=\"https:\/\/www.psib-psoe.org\/mallorca\/category\/municipis\/\" rel=\"category tag\">Municipis<\/a>, <a href=\"https:\/\/www.psib-psoe.org\/mallorca\/category\/portada\/\" rel=\"category tag\">Portada<\/a><\/aside>\n\t\t\t\t<h3 itemprop=\"headline\"><a href=\"https:\/\/www.psib-psoe.org\/mallorca\/els-socialistes-de-marratxi-exigeixen-explicacions-immediates-i-responsabilitats-politiques-a-pp-vox-per-les-irregularitats-a-marratxi-xxi\/\" title=\"Els Socialistes de Marratx\u00ed exigeixen \u201cexplicacions immediates i responsabilitats pol\u00edtiques\u201d a PP-VOX per les irregularitats a Marratx\u00ed XXI.\">Els Socialistes de Marratx\u00ed exigeixen \u201cexplicacions immediates i responsabilitats pol\u00edtiques\u201d a PP-VOX per les irregularitats a Marratx\u00ed XXI.<\/a><\/h3>\n\t\t\t<\/header>\n\t\t<\/div>\n\t\t<div class=\"post-content\">\n\t\t\t<a href=\"https:\/\/www.psib-psoe.org\/mallorca\/els-socialistes-de-marratxi-exigeixen-explicacions-immediates-i-responsabilitats-politiques-a-pp-vox-per-les-irregularitats-a-marratxi-xxi\/\" class=\"more-link\">Read More<\/a>\n\t\t<\/div>\n\t\t\t<aside class=\"post-bottom-meta hide\">\n\t\t<strong rel=\"author\" itemprop=\"author\" class=\"author vcard\"><span class=\"fn\">Albert<\/span><\/strong>\n\t\t<time class=\"date published time\" datetime=\"2026-01-26T15:24:54+02:00\" itemprop=\"datePublished\" content=\"2026-01-26T15:24:54+02:00\">26\/01\/2026<\/time>\n\t\t<meta itemprop=\"dateModified\" class=\"date updated\" content=\"2026-01-26T15:25:05+02:00\">\n\t\t<span class=\"hide\" itemprop=\"publisher\" itemscope itemtype=\"https:\/\/schema.org\/Organization\">\n\t\t\t<meta itemprop=\"name\" content=\"SocialistesdMca\">\n\t\t\t<span itemprop=\"logo\" itemscope itemtype=\"https:\/\/schema.org\/ImageObject\">\n\t\t\t\t<meta itemprop=\"url\" content=\"https:\/\/www.psib-psoe.org\/mallorca\/wp-content\/themes\/notio-wp\/assets\/img\/logo.png\">\n\t\t\t<\/span>\n\t\t\t<meta itemprop=\"url\" content=\"https:\/\/www.psib-psoe.org\/mallorca\/\">\n\t\t<\/span>\n\t\t\t\t<span class=\"hide\" itemprop=\"image\" itemscope itemtype=\"http:\/\/schema.org\/ImageObject\">\n\t\t\t<meta itemprop=\"url\" content=\"https:\/\/www.psib-psoe.org\/mallorca\/wp-content\/uploads\/Miquel-Cabot-.jpeg\">\n\t\t\t<meta itemprop=\"width\" content=\"1536\">\n\t\t\t<meta itemprop=\"height\" content=\"2048\">\n\t\t<\/span>\n\t\t\t\t<meta itemscope itemprop=\"mainEntityOfPage\" itemtype=\"https:\/\/schema.org\/WebPage\" itemid=\"https:\/\/www.psib-psoe.org\/mallorca\/els-socialistes-de-marratxi-exigeixen-explicacions-immediates-i-responsabilitats-politiques-a-pp-vox-per-les-irregularitats-a-marratxi-xxi\/\">\n\t<\/aside>\n\t\t<\/article>\n<\/div>\n<div class=\"small-12 large-4 columns\">\n\t<article itemscope itemtype=\"http:\/\/schema.org\/Article\" class=\"post blog-style7 alt post-30873 type-post status-publish format-standard has-post-thumbnail hentry category-federacio-de-mallorca category-federacio-de-mallorca-portada category-municipis category-portada tag-agrupacio-socialista-de-manacor tag-amanda-fernandez tag-consell-de-mallorca tag-federacio-socialista-de-mallorca tag-manolo-galan tag-maria-gracia-gonzalez tag-marti-march tag-nuria-hinojosa tag-reme-canadas tag-socialistes-darta tag-tino-davia tag-toni-miralles\" role=\"article\">\n\t\t<figure class=\"post-gallery\"><img loading=\"lazy\" decoding=\"async\" width=\"600\" height=\"400\" src=\"https:\/\/www.psib-psoe.org\/mallorca\/wp-content\/uploads\/Hospital-de-Manacor-600x400.jpeg\" class=\"attachment-notio-general-x2 size-notio-general-x2 wp-post-image\" alt=\"\" srcset=\"https:\/\/www.psib-psoe.org\/mallorca\/wp-content\/uploads\/Hospital-de-Manacor-600x400.jpeg 600w, https:\/\/www.psib-psoe.org\/mallorca\/wp-content\/uploads\/Hospital-de-Manacor-300x200.jpeg 300w, https:\/\/www.psib-psoe.org\/mallorca\/wp-content\/uploads\/Hospital-de-Manacor-900x600.jpeg 900w, https:\/\/www.psib-psoe.org\/mallorca\/wp-content\/uploads\/Hospital-de-Manacor-20x13.jpeg 20w\" sizes=\"(max-width: 600px) 100vw, 600px\" \/><\/figure>\n\t\t<div class=\"blog-top\">\n\t\t\t<header class=\"post-title entry-header\">\n\t\t\t\t<aside class=\"post-meta cf\">\n\t\t24\/01\/2026 \/ <a href=\"https:\/\/www.psib-psoe.org\/mallorca\/category\/federacio-de-mallorca\/\" rel=\"category tag\">Federaci\u00f3 de Mallorca<\/a>, <a href=\"https:\/\/www.psib-psoe.org\/mallorca\/category\/federacio-de-mallorca-portada\/\" rel=\"category tag\">Federaci\u00f3 de Mallorca - Portada<\/a>, <a href=\"https:\/\/www.psib-psoe.org\/mallorca\/category\/municipis\/\" rel=\"category tag\">Municipis<\/a>, <a href=\"https:\/\/www.psib-psoe.org\/mallorca\/category\/portada\/\" rel=\"category tag\">Portada<\/a><\/aside>\n\t\t\t\t<h3 itemprop=\"headline\"><a href=\"https:\/\/www.psib-psoe.org\/mallorca\/els-socialistes-de-mallorca-denuncien-que-el-govern-mante-tancades-les-sales-de-parts-de-lhospital-de-manacor-des-de-dia-19-per-la-mala-gestio-de-personal\/\" title=\"Els Socialistes de Mallorca denuncien que el Govern mant\u00e9 tancades les sales de parts de l\u2019Hospital de Manacor des de dia 19, per la mala gesti\u00f3 de personal.\">Els Socialistes de Mallorca denuncien que el Govern mant\u00e9 tancades les sales de parts de l\u2019Hospital de Manacor des de dia 19, per la mala gesti\u00f3 de personal.<\/a><\/h3>\n\t\t\t<\/header>\n\t\t<\/div>\n\t\t<div class=\"post-content\">\n\t\t\t<a href=\"https:\/\/www.psib-psoe.org\/mallorca\/els-socialistes-de-mallorca-denuncien-que-el-govern-mante-tancades-les-sales-de-parts-de-lhospital-de-manacor-des-de-dia-19-per-la-mala-gestio-de-personal\/\" class=\"more-link\">Read More<\/a>\n\t\t<\/div>\n\t\t\t<aside class=\"post-bottom-meta hide\">\n\t\t<strong rel=\"author\" itemprop=\"author\" class=\"author vcard\"><span class=\"fn\">Albert<\/span><\/strong>\n\t\t<time class=\"date published time\" datetime=\"2026-01-24T12:58:11+02:00\" itemprop=\"datePublished\" content=\"2026-01-24T12:58:11+02:00\">24\/01\/2026<\/time>\n\t\t<meta itemprop=\"dateModified\" class=\"date updated\" content=\"2026-01-24T12:58:23+02:00\">\n\t\t<span class=\"hide\" itemprop=\"publisher\" itemscope itemtype=\"https:\/\/schema.org\/Organization\">\n\t\t\t<meta itemprop=\"name\" content=\"SocialistesdMca\">\n\t\t\t<span itemprop=\"logo\" itemscope itemtype=\"https:\/\/schema.org\/ImageObject\">\n\t\t\t\t<meta itemprop=\"url\" content=\"https:\/\/www.psib-psoe.org\/mallorca\/wp-content\/themes\/notio-wp\/assets\/img\/logo.png\">\n\t\t\t<\/span>\n\t\t\t<meta itemprop=\"url\" content=\"https:\/\/www.psib-psoe.org\/mallorca\/\">\n\t\t<\/span>\n\t\t\t\t<span class=\"hide\" itemprop=\"image\" itemscope itemtype=\"http:\/\/schema.org\/ImageObject\">\n\t\t\t<meta itemprop=\"url\" content=\"https:\/\/www.psib-psoe.org\/mallorca\/wp-content\/uploads\/Hospital-de-Manacor.jpeg\">\n\t\t\t<meta itemprop=\"width\" content=\"1600\">\n\t\t\t<meta itemprop=\"height\" content=\"1200\">\n\t\t<\/span>\n\t\t\t\t<meta itemscope itemprop=\"mainEntityOfPage\" itemtype=\"https:\/\/schema.org\/WebPage\" itemid=\"https:\/\/www.psib-psoe.org\/mallorca\/els-socialistes-de-mallorca-denuncien-que-el-govern-mante-tancades-les-sales-de-parts-de-lhospital-de-manacor-des-de-dia-19-per-la-mala-gestio-de-personal\/\">\n\t<\/aside>\n\t\t<\/article>\n<\/div>\n<div class=\"small-12 large-4 columns\">\n\t<article itemscope itemtype=\"http:\/\/schema.org\/Article\" class=\"post blog-style7 alt post-30868 type-post status-publish format-standard has-post-thumbnail hentry category-federacio-de-mallorca category-federacio-de-mallorca-portada category-municipis category-portada tag-amanda-fernandez tag-andreu-serra tag-antoni-mari tag-bea-gamundi tag-catalina-cladera tag-consell-de-mallorca tag-federacio-socialista-de-mallorca tag-jaume-mateu tag-joan-ferrer tag-joan-mendez-2 tag-juana-m-adrover\" role=\"article\">\n\t\t<figure class=\"post-gallery\"><img loading=\"lazy\" decoding=\"async\" width=\"600\" height=\"400\" src=\"https:\/\/www.psib-psoe.org\/mallorca\/wp-content\/uploads\/Alonso-decles-230925-1-600x400.jpeg\" class=\"attachment-notio-general-x2 size-notio-general-x2 wp-post-image\" alt=\"\" srcset=\"https:\/\/www.psib-psoe.org\/mallorca\/wp-content\/uploads\/Alonso-decles-230925-1-600x400.jpeg 600w, https:\/\/www.psib-psoe.org\/mallorca\/wp-content\/uploads\/Alonso-decles-230925-1-300x200.jpeg 300w, https:\/\/www.psib-psoe.org\/mallorca\/wp-content\/uploads\/Alonso-decles-230925-1-900x600.jpeg 900w, https:\/\/www.psib-psoe.org\/mallorca\/wp-content\/uploads\/Alonso-decles-230925-1-20x13.jpeg 20w\" sizes=\"(max-width: 600px) 100vw, 600px\" \/><\/figure>\n\t\t<div class=\"blog-top\">\n\t\t\t<header class=\"post-title entry-header\">\n\t\t\t\t<aside class=\"post-meta cf\">\n\t\t22\/01\/2026 \/ <a href=\"https:\/\/www.psib-psoe.org\/mallorca\/category\/federacio-de-mallorca\/\" rel=\"category tag\">Federaci\u00f3 de Mallorca<\/a>, <a href=\"https:\/\/www.psib-psoe.org\/mallorca\/category\/federacio-de-mallorca-portada\/\" rel=\"category tag\">Federaci\u00f3 de Mallorca - Portada<\/a>, <a href=\"https:\/\/www.psib-psoe.org\/mallorca\/category\/municipis\/\" rel=\"category tag\">Municipis<\/a>, <a href=\"https:\/\/www.psib-psoe.org\/mallorca\/category\/portada\/\" rel=\"category tag\">Portada<\/a><\/aside>\n\t\t\t\t<h3 itemprop=\"headline\"><a href=\"https:\/\/www.psib-psoe.org\/mallorca\/el-grup-socialista-insta-a-limas-a-centrar-se-en-el-benestar-dels-primers-menors-migrants-no-acompanyats-que-acull-al-quarter-de-son-tous-i-a-no-usar-los-com-a-argument-politic-en-contra-del\/\" title=\"El Grup Socialista insta a l\u2019IMAS a centrar-se en el benestar dels primers menors migrants no acompanyats que acull al quarter de Son Tous, i a no usar-los com a argument pol\u00edtic en contra del Govern de l\u2019Estat.\">El Grup Socialista insta a l\u2019IMAS a centrar-se en el benestar dels primers menors migrants no acompanyats que acull al quarter de Son Tous, i a no usar-los com a argument pol\u00edtic en contra del Govern de l\u2019Estat.<\/a><\/h3>\n\t\t\t<\/header>\n\t\t<\/div>\n\t\t<div class=\"post-content\">\n\t\t\t<a href=\"https:\/\/www.psib-psoe.org\/mallorca\/el-grup-socialista-insta-a-limas-a-centrar-se-en-el-benestar-dels-primers-menors-migrants-no-acompanyats-que-acull-al-quarter-de-son-tous-i-a-no-usar-los-com-a-argument-politic-en-contra-del\/\" class=\"more-link\">Read More<\/a>\n\t\t<\/div>\n\t\t\t<aside class=\"post-bottom-meta hide\">\n\t\t<strong rel=\"author\" itemprop=\"author\" class=\"author vcard\"><span class=\"fn\">Albert<\/span><\/strong>\n\t\t<time class=\"date published time\" datetime=\"2026-01-22T17:23:50+02:00\" itemprop=\"datePublished\" content=\"2026-01-22T17:23:50+02:00\">22\/01\/2026<\/time>\n\t\t<meta itemprop=\"dateModified\" class=\"date updated\" content=\"2026-01-22T18:27:32+02:00\">\n\t\t<span class=\"hide\" itemprop=\"publisher\" itemscope itemtype=\"https:\/\/schema.org\/Organization\">\n\t\t\t<meta itemprop=\"name\" content=\"SocialistesdMca\">\n\t\t\t<span itemprop=\"logo\" itemscope itemtype=\"https:\/\/schema.org\/ImageObject\">\n\t\t\t\t<meta itemprop=\"url\" content=\"https:\/\/www.psib-psoe.org\/mallorca\/wp-content\/themes\/notio-wp\/assets\/img\/logo.png\">\n\t\t\t<\/span>\n\t\t\t<meta itemprop=\"url\" content=\"https:\/\/www.psib-psoe.org\/mallorca\/\">\n\t\t<\/span>\n\t\t\t\t<span class=\"hide\" itemprop=\"image\" itemscope itemtype=\"http:\/\/schema.org\/ImageObject\">\n\t\t\t<meta itemprop=\"url\" content=\"https:\/\/www.psib-psoe.org\/mallorca\/wp-content\/uploads\/Alonso-decles-230925-1.jpeg\">\n\t\t\t<meta itemprop=\"width\" content=\"1179\">\n\t\t\t<meta itemprop=\"height\" content=\"1433\">\n\t\t<\/span>\n\t\t\t\t<meta itemscope itemprop=\"mainEntityOfPage\" itemtype=\"https:\/\/schema.org\/WebPage\" itemid=\"https:\/\/www.psib-psoe.org\/mallorca\/el-grup-socialista-insta-a-limas-a-centrar-se-en-el-benestar-dels-primers-menors-migrants-no-acompanyats-que-acull-al-quarter-de-son-tous-i-a-no-usar-los-com-a-argument-politic-en-contra-del\/\">\n\t<\/aside>\n\t\t<\/article>\n<\/div>\n<div class=\"small-12 large-4 columns\">\n\t<article itemscope itemtype=\"http:\/\/schema.org\/Article\" class=\"post blog-style7 alt post-30865 type-post status-publish format-standard has-post-thumbnail hentry category-federacio-de-mallorca category-federacio-de-mallorca-portada category-municipis category-portada tag-amanda-fernandez tag-andreu-serra tag-antoni-mari tag-bea-gamundi tag-catalina-cladera tag-consell-de-mallorca tag-federacio-socialista-de-mallorca tag-jaume-mateu tag-joan-ferrer tag-joan-mendez-2 tag-juana-m-adrover\" role=\"article\">\n\t\t<figure class=\"post-gallery\"><img loading=\"lazy\" decoding=\"async\" width=\"600\" height=\"400\" src=\"https:\/\/www.psib-psoe.org\/mallorca\/wp-content\/uploads\/Ple-111225-1-600x400.jpeg\" class=\"attachment-notio-general-x2 size-notio-general-x2 wp-post-image\" alt=\"\" srcset=\"https:\/\/www.psib-psoe.org\/mallorca\/wp-content\/uploads\/Ple-111225-1-600x400.jpeg 600w, https:\/\/www.psib-psoe.org\/mallorca\/wp-content\/uploads\/Ple-111225-1-300x200.jpeg 300w, https:\/\/www.psib-psoe.org\/mallorca\/wp-content\/uploads\/Ple-111225-1-900x600.jpeg 900w, https:\/\/www.psib-psoe.org\/mallorca\/wp-content\/uploads\/Ple-111225-1-20x13.jpeg 20w\" sizes=\"(max-width: 600px) 100vw, 600px\" \/><\/figure>\n\t\t<div class=\"blog-top\">\n\t\t\t<header class=\"post-title entry-header\">\n\t\t\t\t<aside class=\"post-meta cf\">\n\t\t21\/01\/2026 \/ <a href=\"https:\/\/www.psib-psoe.org\/mallorca\/category\/federacio-de-mallorca\/\" rel=\"category tag\">Federaci\u00f3 de Mallorca<\/a>, <a href=\"https:\/\/www.psib-psoe.org\/mallorca\/category\/federacio-de-mallorca-portada\/\" rel=\"category tag\">Federaci\u00f3 de Mallorca - Portada<\/a>, <a href=\"https:\/\/www.psib-psoe.org\/mallorca\/category\/municipis\/\" rel=\"category tag\">Municipis<\/a>, <a href=\"https:\/\/www.psib-psoe.org\/mallorca\/category\/portada\/\" rel=\"category tag\">Portada<\/a><\/aside>\n\t\t\t\t<h3 itemprop=\"headline\"><a href=\"https:\/\/www.psib-psoe.org\/mallorca\/el-consell-de-mallorca-presenta-com-a-principal-novetat-turistica-a-fitur-el-pla-de-destinacions-intelligents-que-lidera-el-govern-de-lestat-i-financa-la-ue-amb-fons-next-gen\/\" title=\"El Consell de Mallorca presenta com a principal novetat tur\u00edstica a FITUR el Pla de Destinacions Intel\u00b7ligents que lidera el Govern de l\u2019Estat i finan\u00e7a la UE amb fons Next Gen.\">El Consell de Mallorca presenta com a principal novetat tur\u00edstica a FITUR el Pla de Destinacions Intel\u00b7ligents que lidera el Govern de l\u2019Estat i finan\u00e7a la UE amb fons Next Gen.<\/a><\/h3>\n\t\t\t<\/header>\n\t\t<\/div>\n\t\t<div class=\"post-content\">\n\t\t\t<a href=\"https:\/\/www.psib-psoe.org\/mallorca\/el-consell-de-mallorca-presenta-com-a-principal-novetat-turistica-a-fitur-el-pla-de-destinacions-intelligents-que-lidera-el-govern-de-lestat-i-financa-la-ue-amb-fons-next-gen\/\" class=\"more-link\">Read More<\/a>\n\t\t<\/div>\n\t\t\t<aside class=\"post-bottom-meta hide\">\n\t\t<strong rel=\"author\" itemprop=\"author\" class=\"author vcard\"><span class=\"fn\">Albert<\/span><\/strong>\n\t\t<time class=\"date published time\" datetime=\"2026-01-21T18:54:44+02:00\" itemprop=\"datePublished\" content=\"2026-01-21T18:54:44+02:00\">21\/01\/2026<\/time>\n\t\t<meta itemprop=\"dateModified\" class=\"date updated\" content=\"2026-01-21T18:54:55+02:00\">\n\t\t<span class=\"hide\" itemprop=\"publisher\" itemscope itemtype=\"https:\/\/schema.org\/Organization\">\n\t\t\t<meta itemprop=\"name\" content=\"SocialistesdMca\">\n\t\t\t<span itemprop=\"logo\" itemscope itemtype=\"https:\/\/schema.org\/ImageObject\">\n\t\t\t\t<meta itemprop=\"url\" content=\"https:\/\/www.psib-psoe.org\/mallorca\/wp-content\/themes\/notio-wp\/assets\/img\/logo.png\">\n\t\t\t<\/span>\n\t\t\t<meta itemprop=\"url\" content=\"https:\/\/www.psib-psoe.org\/mallorca\/\">\n\t\t<\/span>\n\t\t\t\t<span class=\"hide\" itemprop=\"image\" itemscope itemtype=\"http:\/\/schema.org\/ImageObject\">\n\t\t\t<meta itemprop=\"url\" content=\"https:\/\/www.psib-psoe.org\/mallorca\/wp-content\/uploads\/Ple-111225-1.jpeg\">\n\t\t\t<meta itemprop=\"width\" content=\"1600\">\n\t\t\t<meta itemprop=\"height\" content=\"1200\">\n\t\t<\/span>\n\t\t\t\t<meta itemscope itemprop=\"mainEntityOfPage\" itemtype=\"https:\/\/schema.org\/WebPage\" itemid=\"https:\/\/www.psib-psoe.org\/mallorca\/el-consell-de-mallorca-presenta-com-a-principal-novetat-turistica-a-fitur-el-pla-de-destinacions-intelligents-que-lidera-el-govern-de-lestat-i-financa-la-ue-amb-fons-next-gen\/\">\n\t<\/aside>\n\t\t<\/article>\n<\/div>\n<div class=\"small-12 large-4 columns\">\n\t<article itemscope itemtype=\"http:\/\/schema.org\/Article\" class=\"post blog-style7 alt post-30862 type-post status-publish format-standard has-post-thumbnail hentry category-federacio-de-mallorca category-federacio-de-mallorca-portada category-municipis category-portada tag-agrupacio-socialista-de-llucmajor tag-amanda-fernandez tag-elsa-herranz tag-federacio-socialista-de-mallorca tag-jaume-j-oliver-2\" role=\"article\">\n\t\t<figure class=\"post-gallery\"><img loading=\"lazy\" decoding=\"async\" width=\"600\" height=\"400\" src=\"https:\/\/www.psib-psoe.org\/mallorca\/wp-content\/uploads\/Jaume-J-Oliver-600x400.jpeg\" class=\"attachment-notio-general-x2 size-notio-general-x2 wp-post-image\" alt=\"\" srcset=\"https:\/\/www.psib-psoe.org\/mallorca\/wp-content\/uploads\/Jaume-J-Oliver-600x400.jpeg 600w, https:\/\/www.psib-psoe.org\/mallorca\/wp-content\/uploads\/Jaume-J-Oliver-300x200.jpeg 300w, https:\/\/www.psib-psoe.org\/mallorca\/wp-content\/uploads\/Jaume-J-Oliver-20x13.jpeg 20w\" sizes=\"(max-width: 600px) 100vw, 600px\" \/><\/figure>\n\t\t<div class=\"blog-top\">\n\t\t\t<header class=\"post-title entry-header\">\n\t\t\t\t<aside class=\"post-meta cf\">\n\t\t21\/01\/2026 \/ <a href=\"https:\/\/www.psib-psoe.org\/mallorca\/category\/federacio-de-mallorca\/\" rel=\"category tag\">Federaci\u00f3 de Mallorca<\/a>, <a href=\"https:\/\/www.psib-psoe.org\/mallorca\/category\/federacio-de-mallorca-portada\/\" rel=\"category tag\">Federaci\u00f3 de Mallorca - Portada<\/a>, <a href=\"https:\/\/www.psib-psoe.org\/mallorca\/category\/municipis\/\" rel=\"category tag\">Municipis<\/a>, <a href=\"https:\/\/www.psib-psoe.org\/mallorca\/category\/portada\/\" rel=\"category tag\">Portada<\/a><\/aside>\n\t\t\t\t<h3 itemprop=\"headline\"><a href=\"https:\/\/www.psib-psoe.org\/mallorca\/el-grup-socialista-a-lajuntament-de-llucmajor-exigeix-transparencia-i-un-pla-daccio-urgent-davant-el-collapse-del-departament-durbanisme\/\" title=\"El Grup Socialista a l\u2019Ajuntament de Llucmajor exigeix transpar\u00e8ncia i un pla d\u2019acci\u00f3 urgent davant el col\u00b7lapse del departament d\u2019Urbanisme.\">El Grup Socialista a l\u2019Ajuntament de Llucmajor exigeix transpar\u00e8ncia i un pla d\u2019acci\u00f3 urgent davant el col\u00b7lapse del departament d\u2019Urbanisme.<\/a><\/h3>\n\t\t\t<\/header>\n\t\t<\/div>\n\t\t<div class=\"post-content\">\n\t\t\t<a href=\"https:\/\/www.psib-psoe.org\/mallorca\/el-grup-socialista-a-lajuntament-de-llucmajor-exigeix-transparencia-i-un-pla-daccio-urgent-davant-el-collapse-del-departament-durbanisme\/\" class=\"more-link\">Read More<\/a>\n\t\t<\/div>\n\t\t\t<aside class=\"post-bottom-meta hide\">\n\t\t<strong rel=\"author\" itemprop=\"author\" class=\"author vcard\"><span class=\"fn\">Albert<\/span><\/strong>\n\t\t<time class=\"date published time\" datetime=\"2026-01-21T13:21:10+02:00\" itemprop=\"datePublished\" content=\"2026-01-21T13:21:10+02:00\">21\/01\/2026<\/time>\n\t\t<meta itemprop=\"dateModified\" class=\"date updated\" content=\"2026-01-21T13:21:22+02:00\">\n\t\t<span class=\"hide\" itemprop=\"publisher\" itemscope itemtype=\"https:\/\/schema.org\/Organization\">\n\t\t\t<meta itemprop=\"name\" content=\"SocialistesdMca\">\n\t\t\t<span itemprop=\"logo\" itemscope itemtype=\"https:\/\/schema.org\/ImageObject\">\n\t\t\t\t<meta itemprop=\"url\" content=\"https:\/\/www.psib-psoe.org\/mallorca\/wp-content\/themes\/notio-wp\/assets\/img\/logo.png\">\n\t\t\t<\/span>\n\t\t\t<meta itemprop=\"url\" content=\"https:\/\/www.psib-psoe.org\/mallorca\/\">\n\t\t<\/span>\n\t\t\t\t<span class=\"hide\" itemprop=\"image\" itemscope itemtype=\"http:\/\/schema.org\/ImageObject\">\n\t\t\t<meta itemprop=\"url\" content=\"https:\/\/www.psib-psoe.org\/mallorca\/wp-content\/uploads\/Jaume-J-Oliver.jpeg\">\n\t\t\t<meta itemprop=\"width\" content=\"828\">\n\t\t\t<meta itemprop=\"height\" content=\"828\">\n\t\t<\/span>\n\t\t\t\t<meta itemscope itemprop=\"mainEntityOfPage\" itemtype=\"https:\/\/schema.org\/WebPage\" itemid=\"https:\/\/www.psib-psoe.org\/mallorca\/el-grup-socialista-a-lajuntament-de-llucmajor-exigeix-transparencia-i-un-pla-daccio-urgent-davant-el-collapse-del-departament-durbanisme\/\">\n\t<\/aside>\n\t\t<\/article>\n<\/div>\n<div class=\"small-12 large-4 columns\">\n\t<article itemscope itemtype=\"http:\/\/schema.org\/Article\" class=\"post blog-style7 alt post-30856 type-post status-publish format-standard has-post-thumbnail hentry category-federacio-de-mallorca category-federacio-de-mallorca-portada category-municipis category-portada tag-amanda-fernandez tag-andreu-serra tag-antoni-mari tag-bea-gamundi tag-catalina-cladera tag-consell-de-mallorca tag-federacio-socialista-de-mallorca tag-jaume-mateu tag-joan-ferrer tag-joan-mendez-2 tag-juana-m-adrover tag-marti-march-2 tag-paquita-campins\" role=\"article\">\n\t\t<figure class=\"post-gallery\"><img loading=\"lazy\" decoding=\"async\" width=\"600\" height=\"400\" src=\"https:\/\/www.psib-psoe.org\/mallorca\/wp-content\/uploads\/Sofia-Alonso-2-600x400.jpeg\" class=\"attachment-notio-general-x2 size-notio-general-x2 wp-post-image\" alt=\"\" srcset=\"https:\/\/www.psib-psoe.org\/mallorca\/wp-content\/uploads\/Sofia-Alonso-2-600x400.jpeg 600w, https:\/\/www.psib-psoe.org\/mallorca\/wp-content\/uploads\/Sofia-Alonso-2-300x200.jpeg 300w, https:\/\/www.psib-psoe.org\/mallorca\/wp-content\/uploads\/Sofia-Alonso-2-20x13.jpeg 20w\" sizes=\"(max-width: 600px) 100vw, 600px\" \/><\/figure>\n\t\t<div class=\"blog-top\">\n\t\t\t<header class=\"post-title entry-header\">\n\t\t\t\t<aside class=\"post-meta cf\">\n\t\t20\/01\/2026 \/ <a href=\"https:\/\/www.psib-psoe.org\/mallorca\/category\/federacio-de-mallorca\/\" rel=\"category tag\">Federaci\u00f3 de Mallorca<\/a>, <a href=\"https:\/\/www.psib-psoe.org\/mallorca\/category\/federacio-de-mallorca-portada\/\" rel=\"category tag\">Federaci\u00f3 de Mallorca - Portada<\/a>, <a href=\"https:\/\/www.psib-psoe.org\/mallorca\/category\/municipis\/\" rel=\"category tag\">Municipis<\/a>, <a href=\"https:\/\/www.psib-psoe.org\/mallorca\/category\/portada\/\" rel=\"category tag\">Portada<\/a><\/aside>\n\t\t\t\t<h3 itemprop=\"headline\"><a href=\"https:\/\/www.psib-psoe.org\/mallorca\/el-consell-de-mallorca-relega-els-coneixements-dhistoria-de-lart-en-la-convocatoria-duna-placa-de-tecnic-de-patrimoni-artistic-del-departament-de-cultura\/\" title=\"El Consell de Mallorca relega els coneixements d\u2019Hist\u00f2ria de l\u2019Art en la convocat\u00f2ria d\u2019una pla\u00e7a de t\u00e8cnic de Patrimoni Art\u00edstic del departament de Cultura.\">El Consell de Mallorca relega els coneixements d\u2019Hist\u00f2ria de l\u2019Art en la convocat\u00f2ria d\u2019una pla\u00e7a de t\u00e8cnic de Patrimoni Art\u00edstic del departament de Cultura.<\/a><\/h3>\n\t\t\t<\/header>\n\t\t<\/div>\n\t\t<div class=\"post-content\">\n\t\t\t<a href=\"https:\/\/www.psib-psoe.org\/mallorca\/el-consell-de-mallorca-relega-els-coneixements-dhistoria-de-lart-en-la-convocatoria-duna-placa-de-tecnic-de-patrimoni-artistic-del-departament-de-cultura\/\" class=\"more-link\">Read More<\/a>\n\t\t<\/div>\n\t\t\t<aside class=\"post-bottom-meta hide\">\n\t\t<strong rel=\"author\" itemprop=\"author\" class=\"author vcard\"><span class=\"fn\">Albert<\/span><\/strong>\n\t\t<time class=\"date published time\" datetime=\"2026-01-20T11:46:19+02:00\" itemprop=\"datePublished\" content=\"2026-01-20T11:46:19+02:00\">20\/01\/2026<\/time>\n\t\t<meta itemprop=\"dateModified\" class=\"date updated\" content=\"2026-01-20T11:46:31+02:00\">\n\t\t<span class=\"hide\" itemprop=\"publisher\" itemscope itemtype=\"https:\/\/schema.org\/Organization\">\n\t\t\t<meta itemprop=\"name\" content=\"SocialistesdMca\">\n\t\t\t<span itemprop=\"logo\" itemscope itemtype=\"https:\/\/schema.org\/ImageObject\">\n\t\t\t\t<meta itemprop=\"url\" content=\"https:\/\/www.psib-psoe.org\/mallorca\/wp-content\/themes\/notio-wp\/assets\/img\/logo.png\">\n\t\t\t<\/span>\n\t\t\t<meta itemprop=\"url\" content=\"https:\/\/www.psib-psoe.org\/mallorca\/\">\n\t\t<\/span>\n\t\t\t\t<span class=\"hide\" itemprop=\"image\" itemscope itemtype=\"http:\/\/schema.org\/ImageObject\">\n\t\t\t<meta itemprop=\"url\" content=\"https:\/\/www.psib-psoe.org\/mallorca\/wp-content\/uploads\/Sofia-Alonso-2.jpeg\">\n\t\t\t<meta itemprop=\"width\" content=\"844\">\n\t\t\t<meta itemprop=\"height\" content=\"661\">\n\t\t<\/span>\n\t\t\t\t<meta itemscope itemprop=\"mainEntityOfPage\" itemtype=\"https:\/\/schema.org\/WebPage\" itemid=\"https:\/\/www.psib-psoe.org\/mallorca\/el-consell-de-mallorca-relega-els-coneixements-dhistoria-de-lart-en-la-convocatoria-duna-placa-de-tecnic-de-patrimoni-artistic-del-departament-de-cultura\/\">\n\t<\/aside>\n\t\t<\/article>\n<\/div>\n<div class=\"small-12 large-4 columns\">\n\t<article itemscope itemtype=\"http:\/\/schema.org\/Article\" class=\"post blog-style7 alt post-30851 type-post status-publish format-standard has-post-thumbnail hentry category-federacio-de-mallorca category-federacio-de-mallorca-portada category-municipis category-portada tag-amanda-fernandez tag-andreu-serra tag-antoni-mari tag-bea-gamundi tag-catalina-cladera tag-consell-de-mallorca tag-federacio-socialista-de-mallorca tag-jaume-mateu tag-joan-ferrer tag-joan-mendez-2 tag-juana-m-adrover tag-marti-march-2 tag-paquita-campins\" role=\"article\">\n\t\t<figure class=\"post-gallery\"><img loading=\"lazy\" decoding=\"async\" width=\"600\" height=\"400\" src=\"https:\/\/www.psib-psoe.org\/mallorca\/wp-content\/uploads\/Joan-rdp-600x400.jpeg\" class=\"attachment-notio-general-x2 size-notio-general-x2 wp-post-image\" alt=\"\" srcset=\"https:\/\/www.psib-psoe.org\/mallorca\/wp-content\/uploads\/Joan-rdp-600x400.jpeg 600w, https:\/\/www.psib-psoe.org\/mallorca\/wp-content\/uploads\/Joan-rdp-300x200.jpeg 300w, https:\/\/www.psib-psoe.org\/mallorca\/wp-content\/uploads\/Joan-rdp-900x600.jpeg 900w, https:\/\/www.psib-psoe.org\/mallorca\/wp-content\/uploads\/Joan-rdp-20x13.jpeg 20w\" sizes=\"(max-width: 600px) 100vw, 600px\" \/><\/figure>\n\t\t<div class=\"blog-top\">\n\t\t\t<header class=\"post-title entry-header\">\n\t\t\t\t<aside class=\"post-meta cf\">\n\t\t18\/01\/2026 \/ <a href=\"https:\/\/www.psib-psoe.org\/mallorca\/category\/federacio-de-mallorca\/\" rel=\"category tag\">Federaci\u00f3 de Mallorca<\/a>, <a href=\"https:\/\/www.psib-psoe.org\/mallorca\/category\/federacio-de-mallorca-portada\/\" rel=\"category tag\">Federaci\u00f3 de Mallorca - Portada<\/a>, <a href=\"https:\/\/www.psib-psoe.org\/mallorca\/category\/municipis\/\" rel=\"category tag\">Municipis<\/a>, <a href=\"https:\/\/www.psib-psoe.org\/mallorca\/category\/portada\/\" rel=\"category tag\">Portada<\/a><\/aside>\n\t\t\t\t<h3 itemprop=\"headline\"><a href=\"https:\/\/www.psib-psoe.org\/mallorca\/el-grup-socialista-lamenta-la-manca-de-control-del-consell-de-mallorca-damunt-del-servei-dinspeccio-de-vehicles\/\" title=\"El Grup Socialista lamenta la manca de control del Consell de Mallorca damunt del servei d\u2019Inspecci\u00f3 de Vehicles.\">El Grup Socialista lamenta la manca de control del Consell de Mallorca damunt del servei d\u2019Inspecci\u00f3 de Vehicles.<\/a><\/h3>\n\t\t\t<\/header>\n\t\t<\/div>\n\t\t<div class=\"post-content\">\n\t\t\t<a href=\"https:\/\/www.psib-psoe.org\/mallorca\/el-grup-socialista-lamenta-la-manca-de-control-del-consell-de-mallorca-damunt-del-servei-dinspeccio-de-vehicles\/\" class=\"more-link\">Read More<\/a>\n\t\t<\/div>\n\t\t\t<aside class=\"post-bottom-meta hide\">\n\t\t<strong rel=\"author\" itemprop=\"author\" class=\"author vcard\"><span class=\"fn\">Albert<\/span><\/strong>\n\t\t<time class=\"date published time\" datetime=\"2026-01-18T12:03:10+02:00\" itemprop=\"datePublished\" content=\"2026-01-18T12:03:10+02:00\">18\/01\/2026<\/time>\n\t\t<meta itemprop=\"dateModified\" class=\"date updated\" content=\"2026-01-18T12:03:22+02:00\">\n\t\t<span class=\"hide\" itemprop=\"publisher\" itemscope itemtype=\"https:\/\/schema.org\/Organization\">\n\t\t\t<meta itemprop=\"name\" content=\"SocialistesdMca\">\n\t\t\t<span itemprop=\"logo\" itemscope itemtype=\"https:\/\/schema.org\/ImageObject\">\n\t\t\t\t<meta itemprop=\"url\" content=\"https:\/\/www.psib-psoe.org\/mallorca\/wp-content\/themes\/notio-wp\/assets\/img\/logo.png\">\n\t\t\t<\/span>\n\t\t\t<meta itemprop=\"url\" content=\"https:\/\/www.psib-psoe.org\/mallorca\/\">\n\t\t<\/span>\n\t\t\t\t<span class=\"hide\" itemprop=\"image\" itemscope itemtype=\"http:\/\/schema.org\/ImageObject\">\n\t\t\t<meta itemprop=\"url\" content=\"https:\/\/www.psib-psoe.org\/mallorca\/wp-content\/uploads\/Joan-rdp-scaled.jpeg\">\n\t\t\t<meta itemprop=\"width\" content=\"2560\">\n\t\t\t<meta itemprop=\"height\" content=\"2450\">\n\t\t<\/span>\n\t\t\t\t<meta itemscope itemprop=\"mainEntityOfPage\" itemtype=\"https:\/\/schema.org\/WebPage\" itemid=\"https:\/\/www.psib-psoe.org\/mallorca\/el-grup-socialista-lamenta-la-manca-de-control-del-consell-de-mallorca-damunt-del-servei-dinspeccio-de-vehicles\/\">\n\t<\/aside>\n\t\t<\/article>\n<\/div>\n<div class=\"small-12 large-4 columns\">\n\t<article itemscope itemtype=\"http:\/\/schema.org\/Article\" class=\"post blog-style7 alt post-30843 type-post status-publish format-standard has-post-thumbnail hentry category-federacio-de-mallorca category-federacio-de-mallorca-portada category-municipis category-portada tag-amanda-fernandez tag-andreu-serra tag-antoni-mari tag-bea-gamundi tag-catalina-cladera tag-consell-de-mallorca tag-federacio-socialista-de-mallorca tag-jaume-mateu tag-joan-ferrer tag-joan-mendez-2 tag-juana-m-adrover tag-marti-march-2 tag-paquita-campins\" role=\"article\">\n\t\t<figure class=\"post-gallery\"><img loading=\"lazy\" decoding=\"async\" width=\"600\" height=\"400\" src=\"https:\/\/www.psib-psoe.org\/mallorca\/wp-content\/uploads\/Sofia-150126-600x400.jpeg\" class=\"attachment-notio-general-x2 size-notio-general-x2 wp-post-image\" alt=\"\" srcset=\"https:\/\/www.psib-psoe.org\/mallorca\/wp-content\/uploads\/Sofia-150126-600x400.jpeg 600w, https:\/\/www.psib-psoe.org\/mallorca\/wp-content\/uploads\/Sofia-150126-300x200.jpeg 300w, https:\/\/www.psib-psoe.org\/mallorca\/wp-content\/uploads\/Sofia-150126-900x600.jpeg 900w, https:\/\/www.psib-psoe.org\/mallorca\/wp-content\/uploads\/Sofia-150126-20x13.jpeg 20w\" sizes=\"(max-width: 600px) 100vw, 600px\" \/><\/figure>\n\t\t<div class=\"blog-top\">\n\t\t\t<header class=\"post-title entry-header\">\n\t\t\t\t<aside class=\"post-meta cf\">\n\t\t15\/01\/2026 \/ <a href=\"https:\/\/www.psib-psoe.org\/mallorca\/category\/federacio-de-mallorca\/\" rel=\"category tag\">Federaci\u00f3 de Mallorca<\/a>, <a href=\"https:\/\/www.psib-psoe.org\/mallorca\/category\/federacio-de-mallorca-portada\/\" rel=\"category tag\">Federaci\u00f3 de Mallorca - Portada<\/a>, <a href=\"https:\/\/www.psib-psoe.org\/mallorca\/category\/municipis\/\" rel=\"category tag\">Municipis<\/a>, <a href=\"https:\/\/www.psib-psoe.org\/mallorca\/category\/portada\/\" rel=\"category tag\">Portada<\/a><\/aside>\n\t\t\t\t<h3 itemprop=\"headline\"><a href=\"https:\/\/www.psib-psoe.org\/mallorca\/els-socialistes-denuncien-el-desastre-de-gestio-del-consorci-serra-de-tramuntana-que-no-resol-les-subvencions-municipals-i-exigeixen-una-junta-rectora-urgent\/\" title=\"Els Socialistes denuncien el \u201cdesastre de gesti\u00f3\u201d del Consorci Serra de Tramuntana \u201cque no resol les subvencions municipals\u201d i exigeixen una Junta Rectora urgent.\">Els Socialistes denuncien el \u201cdesastre de gesti\u00f3\u201d del Consorci Serra de Tramuntana \u201cque no resol les subvencions municipals\u201d i exigeixen una Junta Rectora urgent.<\/a><\/h3>\n\t\t\t<\/header>\n\t\t<\/div>\n\t\t<div class=\"post-content\">\n\t\t\t<a href=\"https:\/\/www.psib-psoe.org\/mallorca\/els-socialistes-denuncien-el-desastre-de-gestio-del-consorci-serra-de-tramuntana-que-no-resol-les-subvencions-municipals-i-exigeixen-una-junta-rectora-urgent\/\" class=\"more-link\">Read More<\/a>\n\t\t<\/div>\n\t\t\t<aside class=\"post-bottom-meta hide\">\n\t\t<strong rel=\"author\" itemprop=\"author\" class=\"author vcard\"><span class=\"fn\">Albert<\/span><\/strong>\n\t\t<time class=\"date published time\" datetime=\"2026-01-15T14:35:32+02:00\" itemprop=\"datePublished\" content=\"2026-01-15T14:35:32+02:00\">15\/01\/2026<\/time>\n\t\t<meta itemprop=\"dateModified\" class=\"date updated\" content=\"2026-01-15T14:35:45+02:00\">\n\t\t<span class=\"hide\" itemprop=\"publisher\" itemscope itemtype=\"https:\/\/schema.org\/Organization\">\n\t\t\t<meta itemprop=\"name\" content=\"SocialistesdMca\">\n\t\t\t<span itemprop=\"logo\" itemscope itemtype=\"https:\/\/schema.org\/ImageObject\">\n\t\t\t\t<meta itemprop=\"url\" content=\"https:\/\/www.psib-psoe.org\/mallorca\/wp-content\/themes\/notio-wp\/assets\/img\/logo.png\">\n\t\t\t<\/span>\n\t\t\t<meta itemprop=\"url\" content=\"https:\/\/www.psib-psoe.org\/mallorca\/\">\n\t\t<\/span>\n\t\t\t\t<span class=\"hide\" itemprop=\"image\" itemscope itemtype=\"http:\/\/schema.org\/ImageObject\">\n\t\t\t<meta itemprop=\"url\" content=\"https:\/\/www.psib-psoe.org\/mallorca\/wp-content\/uploads\/Sofia-150126.jpeg\">\n\t\t\t<meta itemprop=\"width\" content=\"2560\">\n\t\t\t<meta itemprop=\"height\" content=\"1920\">\n\t\t<\/span>\n\t\t\t\t<meta itemscope itemprop=\"mainEntityOfPage\" itemtype=\"https:\/\/schema.org\/WebPage\" itemid=\"https:\/\/www.psib-psoe.org\/mallorca\/els-socialistes-denuncien-el-desastre-de-gestio-del-consorci-serra-de-tramuntana-que-no-resol-les-subvencions-municipals-i-exigeixen-una-junta-rectora-urgent\/\">\n\t<\/aside>\n\t\t<\/article>\n<\/div>\n<div class=\"small-12 large-4 columns\">\n\t<article itemscope itemtype=\"http:\/\/schema.org\/Article\" class=\"post blog-style7 alt post-30838 type-post status-publish format-standard has-post-thumbnail hentry category-federacio-de-mallorca category-federacio-de-mallorca-portada category-municipis category-portada tag-amanda-fernandez tag-ares-fernandez tag-catalina-cladera tag-daniel-oliveira tag-federacio-socialista-de-mallorca tag-joan-ferrer tag-omar-lamin tag-psib-psoe tag-sofia-alonso tag-xisco-dalmau\" role=\"article\">\n\t\t<figure class=\"post-gallery\"><img loading=\"lazy\" decoding=\"async\" width=\"600\" height=\"400\" src=\"https:\/\/www.psib-psoe.org\/mallorca\/wp-content\/uploads\/Bust-Picornell-4-600x400.jpeg\" class=\"attachment-notio-general-x2 size-notio-general-x2 wp-post-image\" alt=\"\" srcset=\"https:\/\/www.psib-psoe.org\/mallorca\/wp-content\/uploads\/Bust-Picornell-4-600x400.jpeg 600w, https:\/\/www.psib-psoe.org\/mallorca\/wp-content\/uploads\/Bust-Picornell-4-300x200.jpeg 300w, https:\/\/www.psib-psoe.org\/mallorca\/wp-content\/uploads\/Bust-Picornell-4-900x600.jpeg 900w, https:\/\/www.psib-psoe.org\/mallorca\/wp-content\/uploads\/Bust-Picornell-4-20x13.jpeg 20w\" sizes=\"(max-width: 600px) 100vw, 600px\" \/><\/figure>\n\t\t<div class=\"blog-top\">\n\t\t\t<header class=\"post-title entry-header\">\n\t\t\t\t<aside class=\"post-meta cf\">\n\t\t13\/01\/2026 \/ <a href=\"https:\/\/www.psib-psoe.org\/mallorca\/category\/federacio-de-mallorca\/\" rel=\"category tag\">Federaci\u00f3 de Mallorca<\/a>, <a href=\"https:\/\/www.psib-psoe.org\/mallorca\/category\/federacio-de-mallorca-portada\/\" rel=\"category tag\">Federaci\u00f3 de Mallorca - Portada<\/a>, <a href=\"https:\/\/www.psib-psoe.org\/mallorca\/category\/municipis\/\" rel=\"category tag\">Municipis<\/a>, <a href=\"https:\/\/www.psib-psoe.org\/mallorca\/category\/portada\/\" rel=\"category tag\">Portada<\/a><\/aside>\n\t\t\t\t<h3 itemprop=\"headline\"><a href=\"https:\/\/www.psib-psoe.org\/mallorca\/els-partits-desquerres-demanen-al-president-del-consell-i-al-batle-que-restaurin-i-protegeixin-el-bust-daurora-picornell\/\" title=\"Els partits d\u2019esquerres demanen al president del Consell i al batle que restaurin i protegeixin el bust d\u2019Aurora Picornell\">Els partits d\u2019esquerres demanen al president del Consell i al batle que restaurin i protegeixin el bust d\u2019Aurora Picornell<\/a><\/h3>\n\t\t\t<\/header>\n\t\t<\/div>\n\t\t<div class=\"post-content\">\n\t\t\t<a href=\"https:\/\/www.psib-psoe.org\/mallorca\/els-partits-desquerres-demanen-al-president-del-consell-i-al-batle-que-restaurin-i-protegeixin-el-bust-daurora-picornell\/\" class=\"more-link\">Read More<\/a>\n\t\t<\/div>\n\t\t\t<aside class=\"post-bottom-meta hide\">\n\t\t<strong rel=\"author\" itemprop=\"author\" class=\"author vcard\"><span class=\"fn\">Albert<\/span><\/strong>\n\t\t<time class=\"date published time\" datetime=\"2026-01-13T16:23:06+02:00\" itemprop=\"datePublished\" content=\"2026-01-13T16:23:06+02:00\">13\/01\/2026<\/time>\n\t\t<meta itemprop=\"dateModified\" class=\"date updated\" content=\"2026-01-13T16:23:17+02:00\">\n\t\t<span class=\"hide\" itemprop=\"publisher\" itemscope itemtype=\"https:\/\/schema.org\/Organization\">\n\t\t\t<meta itemprop=\"name\" content=\"SocialistesdMca\">\n\t\t\t<span itemprop=\"logo\" itemscope itemtype=\"https:\/\/schema.org\/ImageObject\">\n\t\t\t\t<meta itemprop=\"url\" content=\"https:\/\/www.psib-psoe.org\/mallorca\/wp-content\/themes\/notio-wp\/assets\/img\/logo.png\">\n\t\t\t<\/span>\n\t\t\t<meta itemprop=\"url\" content=\"https:\/\/www.psib-psoe.org\/mallorca\/\">\n\t\t<\/span>\n\t\t\t\t<span class=\"hide\" itemprop=\"image\" itemscope itemtype=\"http:\/\/schema.org\/ImageObject\">\n\t\t\t<meta itemprop=\"url\" content=\"https:\/\/www.psib-psoe.org\/mallorca\/wp-content\/uploads\/Bust-Picornell-4-scaled.jpeg\">\n\t\t\t<meta itemprop=\"width\" content=\"2560\">\n\t\t\t<meta itemprop=\"height\" content=\"1920\">\n\t\t<\/span>\n\t\t\t\t<meta itemscope itemprop=\"mainEntityOfPage\" itemtype=\"https:\/\/schema.org\/WebPage\" itemid=\"https:\/\/www.psib-psoe.org\/mallorca\/els-partits-desquerres-demanen-al-president-del-consell-i-al-batle-que-restaurin-i-protegeixin-el-bust-daurora-picornell\/\">\n\t<\/aside>\n\t\t<\/article>\n<\/div>\n<div class=\"small-12 large-4 columns\">\n\t<article itemscope itemtype=\"http:\/\/schema.org\/Article\" class=\"post blog-style7 alt post-30835 type-post status-publish format-standard has-post-thumbnail hentry category-federacio-de-mallorca category-federacio-de-mallorca-portada category-municipis category-portada tag-agrupacio-socialista-dalcudia tag-agui-lobo tag-amanda-fernandez tag-barbara-rebassa tag-federacio-socialista-de-mallorca tag-joan-gaspar-vallori\" role=\"article\">\n\t\t<figure class=\"post-gallery\"><img loading=\"lazy\" decoding=\"async\" width=\"600\" height=\"400\" src=\"https:\/\/www.psib-psoe.org\/mallorca\/wp-content\/uploads\/Agrupacio-Alcudia-3-600x400.jpg\" class=\"attachment-notio-general-x2 size-notio-general-x2 wp-post-image\" alt=\"\" srcset=\"https:\/\/www.psib-psoe.org\/mallorca\/wp-content\/uploads\/Agrupacio-Alcudia-3-600x400.jpg 600w, https:\/\/www.psib-psoe.org\/mallorca\/wp-content\/uploads\/Agrupacio-Alcudia-3-300x200.jpg 300w, https:\/\/www.psib-psoe.org\/mallorca\/wp-content\/uploads\/Agrupacio-Alcudia-3-20x13.jpg 20w\" sizes=\"(max-width: 600px) 100vw, 600px\" \/><\/figure>\n\t\t<div class=\"blog-top\">\n\t\t\t<header class=\"post-title entry-header\">\n\t\t\t\t<aside class=\"post-meta cf\">\n\t\t13\/01\/2026 \/ <a href=\"https:\/\/www.psib-psoe.org\/mallorca\/category\/federacio-de-mallorca\/\" rel=\"category tag\">Federaci\u00f3 de Mallorca<\/a>, <a href=\"https:\/\/www.psib-psoe.org\/mallorca\/category\/federacio-de-mallorca-portada\/\" rel=\"category tag\">Federaci\u00f3 de Mallorca - Portada<\/a>, <a href=\"https:\/\/www.psib-psoe.org\/mallorca\/category\/municipis\/\" rel=\"category tag\">Municipis<\/a>, <a href=\"https:\/\/www.psib-psoe.org\/mallorca\/category\/portada\/\" rel=\"category tag\">Portada<\/a><\/aside>\n\t\t\t\t<h3 itemprop=\"headline\"><a href=\"https:\/\/www.psib-psoe.org\/mallorca\/els-socialistes-dalcudia-denuncien-la-manca-de-respecte-a-loposicio-per-deixar-unicament-48-hores-per-revisar-el-projecte-de-pressupost-municipal-de-2026\/\" title=\"Els Socialistes d\u2019Alc\u00fadia denuncien la \u201cmanca de respecte a l\u2019oposici\u00f3\u201d per deixar \u00fanicament 48 hores per revisar el projecte de pressupost municipal de 2026.\">Els Socialistes d\u2019Alc\u00fadia denuncien la \u201cmanca de respecte a l\u2019oposici\u00f3\u201d per deixar \u00fanicament 48 hores per revisar el projecte de pressupost municipal de 2026.<\/a><\/h3>\n\t\t\t<\/header>\n\t\t<\/div>\n\t\t<div class=\"post-content\">\n\t\t\t<a href=\"https:\/\/www.psib-psoe.org\/mallorca\/els-socialistes-dalcudia-denuncien-la-manca-de-respecte-a-loposicio-per-deixar-unicament-48-hores-per-revisar-el-projecte-de-pressupost-municipal-de-2026\/\" class=\"more-link\">Read More<\/a>\n\t\t<\/div>\n\t\t\t<aside class=\"post-bottom-meta hide\">\n\t\t<strong rel=\"author\" itemprop=\"author\" class=\"author vcard\"><span class=\"fn\">Albert<\/span><\/strong>\n\t\t<time class=\"date published time\" datetime=\"2026-01-13T16:13:21+02:00\" itemprop=\"datePublished\" content=\"2026-01-13T16:13:21+02:00\">13\/01\/2026<\/time>\n\t\t<meta itemprop=\"dateModified\" class=\"date updated\" content=\"2026-01-13T16:13:33+02:00\">\n\t\t<span class=\"hide\" itemprop=\"publisher\" itemscope itemtype=\"https:\/\/schema.org\/Organization\">\n\t\t\t<meta itemprop=\"name\" content=\"SocialistesdMca\">\n\t\t\t<span itemprop=\"logo\" itemscope itemtype=\"https:\/\/schema.org\/ImageObject\">\n\t\t\t\t<meta itemprop=\"url\" content=\"https:\/\/www.psib-psoe.org\/mallorca\/wp-content\/themes\/notio-wp\/assets\/img\/logo.png\">\n\t\t\t<\/span>\n\t\t\t<meta itemprop=\"url\" content=\"https:\/\/www.psib-psoe.org\/mallorca\/\">\n\t\t<\/span>\n\t\t\t\t<span class=\"hide\" itemprop=\"image\" itemscope itemtype=\"http:\/\/schema.org\/ImageObject\">\n\t\t\t<meta itemprop=\"url\" content=\"https:\/\/www.psib-psoe.org\/mallorca\/wp-content\/uploads\/Agrupacio-Alcudia-3.jpg\">\n\t\t\t<meta itemprop=\"width\" content=\"768\">\n\t\t\t<meta itemprop=\"height\" content=\"605\">\n\t\t<\/span>\n\t\t\t\t<meta itemscope itemprop=\"mainEntityOfPage\" itemtype=\"https:\/\/schema.org\/WebPage\" itemid=\"https:\/\/www.psib-psoe.org\/mallorca\/els-socialistes-dalcudia-denuncien-la-manca-de-respecte-a-loposicio-per-deixar-unicament-48-hores-per-revisar-el-projecte-de-pressupost-municipal-de-2026\/\">\n\t<\/aside>\n\t\t<\/article>\n<\/div>\n<div class=\"small-12 large-4 columns\">\n\t<article itemscope itemtype=\"http:\/\/schema.org\/Article\" class=\"post blog-style7 alt post-30832 type-post status-publish format-standard has-post-thumbnail hentry category-federacio-de-mallorca category-federacio-de-mallorca-portada category-municipis category-portada tag-agrupacio-socialista-sa-pobla tag-amanda-fernandez tag-ares-fernandez tag-bea-gamundi tag-catalina-cladera tag-federacio-socialista-de-mallorca tag-omar-lamin tag-psib-psoe tag-sa-pobla tag-sofia-alonso tag-xesca-mir\" role=\"article\">\n\t\t<figure class=\"post-gallery\"><img loading=\"lazy\" decoding=\"async\" width=\"600\" height=\"400\" src=\"https:\/\/www.psib-psoe.org\/mallorca\/wp-content\/uploads\/Sa-Pobla-lleure-infantil-dependencia-090126-600x400.jpeg\" class=\"attachment-notio-general-x2 size-notio-general-x2 wp-post-image\" alt=\"\" srcset=\"https:\/\/www.psib-psoe.org\/mallorca\/wp-content\/uploads\/Sa-Pobla-lleure-infantil-dependencia-090126-600x400.jpeg 600w, https:\/\/www.psib-psoe.org\/mallorca\/wp-content\/uploads\/Sa-Pobla-lleure-infantil-dependencia-090126-300x200.jpeg 300w, https:\/\/www.psib-psoe.org\/mallorca\/wp-content\/uploads\/Sa-Pobla-lleure-infantil-dependencia-090126-900x600.jpeg 900w, https:\/\/www.psib-psoe.org\/mallorca\/wp-content\/uploads\/Sa-Pobla-lleure-infantil-dependencia-090126-20x13.jpeg 20w\" sizes=\"(max-width: 600px) 100vw, 600px\" \/><\/figure>\n\t\t<div class=\"blog-top\">\n\t\t\t<header class=\"post-title entry-header\">\n\t\t\t\t<aside class=\"post-meta cf\">\n\t\t09\/01\/2026 \/ <a href=\"https:\/\/www.psib-psoe.org\/mallorca\/category\/federacio-de-mallorca\/\" rel=\"category tag\">Federaci\u00f3 de Mallorca<\/a>, <a href=\"https:\/\/www.psib-psoe.org\/mallorca\/category\/federacio-de-mallorca-portada\/\" rel=\"category tag\">Federaci\u00f3 de Mallorca - Portada<\/a>, <a href=\"https:\/\/www.psib-psoe.org\/mallorca\/category\/municipis\/\" rel=\"category tag\">Municipis<\/a>, <a href=\"https:\/\/www.psib-psoe.org\/mallorca\/category\/portada\/\" rel=\"category tag\">Portada<\/a><\/aside>\n\t\t\t\t<h3 itemprop=\"headline\"><a href=\"https:\/\/www.psib-psoe.org\/mallorca\/el-psib-psoe-exigeix-al-govern-lincrement-del-financament-que-atorga-als-municipis-pel-lleure-inclusiu-dels-infants-i-joves-amb-dependencia\/\" title=\"El PSIB-PSOE exigeix al Govern l\u2019increment del finan\u00e7ament que atorga als municipis pel lleure inclusiu dels infants i joves amb depend\u00e8ncia.\">El PSIB-PSOE exigeix al Govern l\u2019increment del finan\u00e7ament que atorga als municipis pel lleure inclusiu dels infants i joves amb depend\u00e8ncia.<\/a><\/h3>\n\t\t\t<\/header>\n\t\t<\/div>\n\t\t<div class=\"post-content\">\n\t\t\t<a href=\"https:\/\/www.psib-psoe.org\/mallorca\/el-psib-psoe-exigeix-al-govern-lincrement-del-financament-que-atorga-als-municipis-pel-lleure-inclusiu-dels-infants-i-joves-amb-dependencia\/\" class=\"more-link\">Read More<\/a>\n\t\t<\/div>\n\t\t\t<aside class=\"post-bottom-meta hide\">\n\t\t<strong rel=\"author\" itemprop=\"author\" class=\"author vcard\"><span class=\"fn\">Albert<\/span><\/strong>\n\t\t<time class=\"date published time\" datetime=\"2026-01-09T14:49:13+02:00\" itemprop=\"datePublished\" content=\"2026-01-09T14:49:13+02:00\">09\/01\/2026<\/time>\n\t\t<meta itemprop=\"dateModified\" class=\"date updated\" content=\"2026-01-09T14:49:25+02:00\">\n\t\t<span class=\"hide\" itemprop=\"publisher\" itemscope itemtype=\"https:\/\/schema.org\/Organization\">\n\t\t\t<meta itemprop=\"name\" content=\"SocialistesdMca\">\n\t\t\t<span itemprop=\"logo\" itemscope itemtype=\"https:\/\/schema.org\/ImageObject\">\n\t\t\t\t<meta itemprop=\"url\" content=\"https:\/\/www.psib-psoe.org\/mallorca\/wp-content\/themes\/notio-wp\/assets\/img\/logo.png\">\n\t\t\t<\/span>\n\t\t\t<meta itemprop=\"url\" content=\"https:\/\/www.psib-psoe.org\/mallorca\/\">\n\t\t<\/span>\n\t\t\t\t<span class=\"hide\" itemprop=\"image\" itemscope itemtype=\"http:\/\/schema.org\/ImageObject\">\n\t\t\t<meta itemprop=\"url\" content=\"https:\/\/www.psib-psoe.org\/mallorca\/wp-content\/uploads\/Sa-Pobla-lleure-infantil-dependencia-090126.jpeg\">\n\t\t\t<meta itemprop=\"width\" content=\"1600\">\n\t\t\t<meta itemprop=\"height\" content=\"1200\">\n\t\t<\/span>\n\t\t\t\t<meta itemscope itemprop=\"mainEntityOfPage\" itemtype=\"https:\/\/schema.org\/WebPage\" itemid=\"https:\/\/www.psib-psoe.org\/mallorca\/el-psib-psoe-exigeix-al-govern-lincrement-del-financament-que-atorga-als-municipis-pel-lleure-inclusiu-dels-infants-i-joves-amb-dependencia\/\">\n\t<\/aside>\n\t\t<\/article>\n<\/div>\n<div class=\"small-12 large-4 columns\">\n\t<article itemscope itemtype=\"http:\/\/schema.org\/Article\" class=\"post blog-style7 alt post-30827 type-post status-publish format-standard has-post-thumbnail hentry category-federacio-de-mallorca category-federacio-de-mallorca-portada category-municipis category-portada tag-amanda-fernandez tag-andreu-serra tag-ares-fernandez tag-bea-gamundi tag-biel-alomar tag-catalina-cladera tag-consell-de-mallorca tag-federacio-socialista-de-mallorca tag-jaume-mateu tag-joan-mendez-2 tag-juana-m-adrover tag-psib-psoe tag-sofia-alonso\" role=\"article\">\n\t\t<figure class=\"post-gallery\"><img loading=\"lazy\" decoding=\"async\" width=\"600\" height=\"400\" src=\"https:\/\/www.psib-psoe.org\/mallorca\/wp-content\/uploads\/Sofia-Joan-rdp-bis-600x400.jpeg\" class=\"attachment-notio-general-x2 size-notio-general-x2 wp-post-image\" alt=\"\" srcset=\"https:\/\/www.psib-psoe.org\/mallorca\/wp-content\/uploads\/Sofia-Joan-rdp-bis-600x400.jpeg 600w, https:\/\/www.psib-psoe.org\/mallorca\/wp-content\/uploads\/Sofia-Joan-rdp-bis-300x200.jpeg 300w, https:\/\/www.psib-psoe.org\/mallorca\/wp-content\/uploads\/Sofia-Joan-rdp-bis-900x600.jpeg 900w, https:\/\/www.psib-psoe.org\/mallorca\/wp-content\/uploads\/Sofia-Joan-rdp-bis-20x13.jpeg 20w\" sizes=\"(max-width: 600px) 100vw, 600px\" \/><\/figure>\n\t\t<div class=\"blog-top\">\n\t\t\t<header class=\"post-title entry-header\">\n\t\t\t\t<aside class=\"post-meta cf\">\n\t\t09\/01\/2026 \/ <a href=\"https:\/\/www.psib-psoe.org\/mallorca\/category\/federacio-de-mallorca\/\" rel=\"category tag\">Federaci\u00f3 de Mallorca<\/a>, <a href=\"https:\/\/www.psib-psoe.org\/mallorca\/category\/federacio-de-mallorca-portada\/\" rel=\"category tag\">Federaci\u00f3 de Mallorca - Portada<\/a>, <a href=\"https:\/\/www.psib-psoe.org\/mallorca\/category\/municipis\/\" rel=\"category tag\">Municipis<\/a>, <a href=\"https:\/\/www.psib-psoe.org\/mallorca\/category\/portada\/\" rel=\"category tag\">Portada<\/a><\/aside>\n\t\t\t\t<h3 itemprop=\"headline\"><a href=\"https:\/\/www.psib-psoe.org\/mallorca\/el-grup-socialista-expressa-dubtes-sobre-si-les-places-per-a-menors-migrants-que-limas-ha-habilitat-al-quarter-de-son-tous-son-adequades-i-sollicita-visitar-el-centre\/\" title=\"El Grup Socialista expressa dubtes sobre si les places per a menors migrants que l\u2019IMAS ha habilitat al quarter de Son Tous s\u00f3n adequades, i sol\u00b7licita visitar el centre.\">El Grup Socialista expressa dubtes sobre si les places per a menors migrants que l\u2019IMAS ha habilitat al quarter de Son Tous s\u00f3n adequades, i sol\u00b7licita visitar el centre.<\/a><\/h3>\n\t\t\t<\/header>\n\t\t<\/div>\n\t\t<div class=\"post-content\">\n\t\t\t<a href=\"https:\/\/www.psib-psoe.org\/mallorca\/el-grup-socialista-expressa-dubtes-sobre-si-les-places-per-a-menors-migrants-que-limas-ha-habilitat-al-quarter-de-son-tous-son-adequades-i-sollicita-visitar-el-centre\/\" class=\"more-link\">Read More<\/a>\n\t\t<\/div>\n\t\t\t<aside class=\"post-bottom-meta hide\">\n\t\t<strong rel=\"author\" itemprop=\"author\" class=\"author vcard\"><span class=\"fn\">Albert<\/span><\/strong>\n\t\t<time class=\"date published time\" datetime=\"2026-01-09T12:52:01+02:00\" itemprop=\"datePublished\" content=\"2026-01-09T12:52:01+02:00\">09\/01\/2026<\/time>\n\t\t<meta itemprop=\"dateModified\" class=\"date updated\" content=\"2026-01-09T12:52:14+02:00\">\n\t\t<span class=\"hide\" itemprop=\"publisher\" itemscope itemtype=\"https:\/\/schema.org\/Organization\">\n\t\t\t<meta itemprop=\"name\" content=\"SocialistesdMca\">\n\t\t\t<span itemprop=\"logo\" itemscope itemtype=\"https:\/\/schema.org\/ImageObject\">\n\t\t\t\t<meta itemprop=\"url\" content=\"https:\/\/www.psib-psoe.org\/mallorca\/wp-content\/themes\/notio-wp\/assets\/img\/logo.png\">\n\t\t\t<\/span>\n\t\t\t<meta itemprop=\"url\" content=\"https:\/\/www.psib-psoe.org\/mallorca\/\">\n\t\t<\/span>\n\t\t\t\t<span class=\"hide\" itemprop=\"image\" itemscope itemtype=\"http:\/\/schema.org\/ImageObject\">\n\t\t\t<meta itemprop=\"url\" content=\"https:\/\/www.psib-psoe.org\/mallorca\/wp-content\/uploads\/Sofia-Joan-rdp-bis-scaled.jpeg\">\n\t\t\t<meta itemprop=\"width\" content=\"2266\">\n\t\t\t<meta itemprop=\"height\" content=\"2560\">\n\t\t<\/span>\n\t\t\t\t<meta itemscope itemprop=\"mainEntityOfPage\" itemtype=\"https:\/\/schema.org\/WebPage\" itemid=\"https:\/\/www.psib-psoe.org\/mallorca\/el-grup-socialista-expressa-dubtes-sobre-si-les-places-per-a-menors-migrants-que-limas-ha-habilitat-al-quarter-de-son-tous-son-adequades-i-sollicita-visitar-el-centre\/\">\n\t<\/aside>\n\t\t<\/article>\n<\/div>\n<div class=\"small-12 large-4 columns\">\n\t<article itemscope itemtype=\"http:\/\/schema.org\/Article\" class=\"post blog-style7 alt post-30822 type-post status-publish format-standard has-post-thumbnail hentry category-federacio-de-mallorca category-federacio-de-mallorca-portada category-municipis category-portada tag-amanda-fernandez tag-andreu-serra tag-ares-fernandez tag-bea-gamundi tag-biel-alomar tag-catalina-cladera tag-consell-de-mallorca tag-daniel-oliveira tag-federacio-socialista-de-mallorca tag-iago-negueruela tag-jaume-mateu tag-joan-mendez-2 tag-juana-m-adrover tag-palma tag-psib-psoe tag-silvana-gonzalez tag-sofia-alonso tag-xisco-dalmau\" role=\"article\">\n\t\t<figure class=\"post-gallery\"><img loading=\"lazy\" decoding=\"async\" width=\"600\" height=\"400\" src=\"https:\/\/www.psib-psoe.org\/mallorca\/wp-content\/uploads\/Ple-080126-edited-600x400.jpeg\" class=\"attachment-notio-general-x2 size-notio-general-x2 wp-post-image\" alt=\"\" srcset=\"https:\/\/www.psib-psoe.org\/mallorca\/wp-content\/uploads\/Ple-080126-edited-600x400.jpeg 600w, https:\/\/www.psib-psoe.org\/mallorca\/wp-content\/uploads\/Ple-080126-edited-300x200.jpeg 300w, https:\/\/www.psib-psoe.org\/mallorca\/wp-content\/uploads\/Ple-080126-edited-900x600.jpeg 900w, https:\/\/www.psib-psoe.org\/mallorca\/wp-content\/uploads\/Ple-080126-edited-20x13.jpeg 20w\" sizes=\"(max-width: 600px) 100vw, 600px\" \/><\/figure>\n\t\t<div class=\"blog-top\">\n\t\t\t<header class=\"post-title entry-header\">\n\t\t\t\t<aside class=\"post-meta cf\">\n\t\t08\/01\/2026 \/ <a href=\"https:\/\/www.psib-psoe.org\/mallorca\/category\/federacio-de-mallorca\/\" rel=\"category tag\">Federaci\u00f3 de Mallorca<\/a>, <a href=\"https:\/\/www.psib-psoe.org\/mallorca\/category\/federacio-de-mallorca-portada\/\" rel=\"category tag\">Federaci\u00f3 de Mallorca - Portada<\/a>, <a href=\"https:\/\/www.psib-psoe.org\/mallorca\/category\/municipis\/\" rel=\"category tag\">Municipis<\/a>, <a href=\"https:\/\/www.psib-psoe.org\/mallorca\/category\/portada\/\" rel=\"category tag\">Portada<\/a><\/aside>\n\t\t\t\t<h3 itemprop=\"headline\"><a href=\"https:\/\/www.psib-psoe.org\/mallorca\/el-consell-de-mallorca-es-compromet-amb-el-soterrament-de-la-via-de-cintura-de-palma\/\" title=\"El Consell de Mallorca es compromet amb el soterrament de la via de cintura de Palma.\">El Consell de Mallorca es compromet amb el soterrament de la via de cintura de Palma.<\/a><\/h3>\n\t\t\t<\/header>\n\t\t<\/div>\n\t\t<div class=\"post-content\">\n\t\t\t<a href=\"https:\/\/www.psib-psoe.org\/mallorca\/el-consell-de-mallorca-es-compromet-amb-el-soterrament-de-la-via-de-cintura-de-palma\/\" class=\"more-link\">Read More<\/a>\n\t\t<\/div>\n\t\t\t<aside class=\"post-bottom-meta hide\">\n\t\t<strong rel=\"author\" itemprop=\"author\" class=\"author vcard\"><span class=\"fn\">Albert<\/span><\/strong>\n\t\t<time class=\"date published time\" datetime=\"2026-01-08T17:12:28+02:00\" itemprop=\"datePublished\" content=\"2026-01-08T17:12:28+02:00\">08\/01\/2026<\/time>\n\t\t<meta itemprop=\"dateModified\" class=\"date updated\" content=\"2026-01-08T17:12:40+02:00\">\n\t\t<span class=\"hide\" itemprop=\"publisher\" itemscope itemtype=\"https:\/\/schema.org\/Organization\">\n\t\t\t<meta itemprop=\"name\" content=\"SocialistesdMca\">\n\t\t\t<span itemprop=\"logo\" itemscope itemtype=\"https:\/\/schema.org\/ImageObject\">\n\t\t\t\t<meta itemprop=\"url\" content=\"https:\/\/www.psib-psoe.org\/mallorca\/wp-content\/themes\/notio-wp\/assets\/img\/logo.png\">\n\t\t\t<\/span>\n\t\t\t<meta itemprop=\"url\" content=\"https:\/\/www.psib-psoe.org\/mallorca\/\">\n\t\t<\/span>\n\t\t\t\t<span class=\"hide\" itemprop=\"image\" itemscope itemtype=\"http:\/\/schema.org\/ImageObject\">\n\t\t\t<meta itemprop=\"url\" content=\"https:\/\/www.psib-psoe.org\/mallorca\/wp-content\/uploads\/Ple-080126-edited.jpeg\">\n\t\t\t<meta itemprop=\"width\" content=\"1600\">\n\t\t\t<meta itemprop=\"height\" content=\"900\">\n\t\t<\/span>\n\t\t\t\t<meta itemscope itemprop=\"mainEntityOfPage\" itemtype=\"https:\/\/schema.org\/WebPage\" itemid=\"https:\/\/www.psib-psoe.org\/mallorca\/el-consell-de-mallorca-es-compromet-amb-el-soterrament-de-la-via-de-cintura-de-palma\/\">\n\t<\/aside>\n\t\t<\/article>\n<\/div>\n<div class=\"small-12 large-4 columns\">\n\t<article itemscope itemtype=\"http:\/\/schema.org\/Article\" class=\"post blog-style7 alt post-30816 type-post status-publish format-standard has-post-thumbnail hentry category-federacio-de-mallorca category-federacio-de-mallorca-portada category-municipis category-portada tag-amanda-fernandez tag-andreu-serra tag-ares-fernandez tag-bea-gamundi tag-biel-alomar tag-catalina-cladera tag-consell-de-mallorca tag-daniel-oliveira tag-federacio-socialista-de-mallorca tag-iago-negueruela tag-jaume-mateu tag-joan-mendez-2 tag-juana-m-adrover tag-palma tag-psib-psoe tag-silvana-gonzalez tag-sofia-alonso tag-xisco-dalmau\" role=\"article\">\n\t\t<figure class=\"post-gallery\"><img loading=\"lazy\" decoding=\"async\" width=\"600\" height=\"400\" src=\"https:\/\/www.psib-psoe.org\/mallorca\/wp-content\/uploads\/Via-de-cintura-foto-edited-600x400.jpeg\" class=\"attachment-notio-general-x2 size-notio-general-x2 wp-post-image\" alt=\"\" srcset=\"https:\/\/www.psib-psoe.org\/mallorca\/wp-content\/uploads\/Via-de-cintura-foto-edited-600x400.jpeg 600w, https:\/\/www.psib-psoe.org\/mallorca\/wp-content\/uploads\/Via-de-cintura-foto-edited-300x200.jpeg 300w, https:\/\/www.psib-psoe.org\/mallorca\/wp-content\/uploads\/Via-de-cintura-foto-edited-900x600.jpeg 900w, https:\/\/www.psib-psoe.org\/mallorca\/wp-content\/uploads\/Via-de-cintura-foto-edited-20x13.jpeg 20w\" sizes=\"(max-width: 600px) 100vw, 600px\" \/><\/figure>\n\t\t<div class=\"blog-top\">\n\t\t\t<header class=\"post-title entry-header\">\n\t\t\t\t<aside class=\"post-meta cf\">\n\t\t07\/01\/2026 \/ <a href=\"https:\/\/www.psib-psoe.org\/mallorca\/category\/federacio-de-mallorca\/\" rel=\"category tag\">Federaci\u00f3 de Mallorca<\/a>, <a href=\"https:\/\/www.psib-psoe.org\/mallorca\/category\/federacio-de-mallorca-portada\/\" rel=\"category tag\">Federaci\u00f3 de Mallorca - Portada<\/a>, <a href=\"https:\/\/www.psib-psoe.org\/mallorca\/category\/municipis\/\" rel=\"category tag\">Municipis<\/a>, <a href=\"https:\/\/www.psib-psoe.org\/mallorca\/category\/portada\/\" rel=\"category tag\">Portada<\/a><\/aside>\n\t\t\t\t<h3 itemprop=\"headline\"><a href=\"https:\/\/www.psib-psoe.org\/mallorca\/el-psib-psoe-proposa-el-soterrament-de-la-via-de-cintura-per-cosir-palma-crear-un-gran-anell-verd-per-unir-barris-i-crear-nous-serveis-i-equipaments\/\" title=\"El PSIB-PSOE proposa el soterrament de la Via de Cintura per \u2018cosir\u2019 Palma, crear un gran anell verd per unir barris i crear nous serveis i equipaments.\">El PSIB-PSOE proposa el soterrament de la Via de Cintura per \u2018cosir\u2019 Palma, crear un gran anell verd per unir barris i crear nous serveis i equipaments.<\/a><\/h3>\n\t\t\t<\/header>\n\t\t<\/div>\n\t\t<div class=\"post-content\">\n\t\t\t<a href=\"https:\/\/www.psib-psoe.org\/mallorca\/el-psib-psoe-proposa-el-soterrament-de-la-via-de-cintura-per-cosir-palma-crear-un-gran-anell-verd-per-unir-barris-i-crear-nous-serveis-i-equipaments\/\" class=\"more-link\">Read More<\/a>\n\t\t<\/div>\n\t\t\t<aside class=\"post-bottom-meta hide\">\n\t\t<strong rel=\"author\" itemprop=\"author\" class=\"author vcard\"><span class=\"fn\">Albert<\/span><\/strong>\n\t\t<time class=\"date published time\" datetime=\"2026-01-07T13:51:07+02:00\" itemprop=\"datePublished\" content=\"2026-01-07T13:51:07+02:00\">07\/01\/2026<\/time>\n\t\t<meta itemprop=\"dateModified\" class=\"date updated\" content=\"2026-01-07T13:51:21+02:00\">\n\t\t<span class=\"hide\" itemprop=\"publisher\" itemscope itemtype=\"https:\/\/schema.org\/Organization\">\n\t\t\t<meta itemprop=\"name\" content=\"SocialistesdMca\">\n\t\t\t<span itemprop=\"logo\" itemscope itemtype=\"https:\/\/schema.org\/ImageObject\">\n\t\t\t\t<meta itemprop=\"url\" content=\"https:\/\/www.psib-psoe.org\/mallorca\/wp-content\/themes\/notio-wp\/assets\/img\/logo.png\">\n\t\t\t<\/span>\n\t\t\t<meta itemprop=\"url\" content=\"https:\/\/www.psib-psoe.org\/mallorca\/\">\n\t\t<\/span>\n\t\t\t\t<span class=\"hide\" itemprop=\"image\" itemscope itemtype=\"http:\/\/schema.org\/ImageObject\">\n\t\t\t<meta itemprop=\"url\" content=\"https:\/\/www.psib-psoe.org\/mallorca\/wp-content\/uploads\/Via-de-cintura-foto-edited-scaled.jpeg\">\n\t\t\t<meta itemprop=\"width\" content=\"2560\">\n\t\t\t<meta itemprop=\"height\" content=\"1920\">\n\t\t<\/span>\n\t\t\t\t<meta itemscope itemprop=\"mainEntityOfPage\" itemtype=\"https:\/\/schema.org\/WebPage\" itemid=\"https:\/\/www.psib-psoe.org\/mallorca\/el-psib-psoe-proposa-el-soterrament-de-la-via-de-cintura-per-cosir-palma-crear-un-gran-anell-verd-per-unir-barris-i-crear-nous-serveis-i-equipaments\/\">\n\t<\/aside>\n\t\t<\/article>\n<\/div>\n<div class=\"small-12 large-4 columns\">\n\t<article itemscope itemtype=\"http:\/\/schema.org\/Article\" class=\"post blog-style7 alt post-30812 type-post status-publish format-standard has-post-thumbnail hentry category-consell-de-mallorca category-federacio-de-mallorca category-federacio-de-mallorca-portada category-municipis category-portada tag-aina-munar tag-alaro tag-amanda-fernandez tag-andreu-vidal tag-federacio-socialista-de-mallorca tag-mallorca tag-psib-psoe tag-tolo-aguilar\" role=\"article\">\n\t\t<figure class=\"post-gallery\"><img loading=\"lazy\" decoding=\"async\" width=\"600\" height=\"400\" src=\"https:\/\/www.psib-psoe.org\/mallorca\/wp-content\/uploads\/ALARO-ANDREU-VIDAL-2-600x400.jpg\" class=\"attachment-notio-general-x2 size-notio-general-x2 wp-post-image\" alt=\"\" srcset=\"https:\/\/www.psib-psoe.org\/mallorca\/wp-content\/uploads\/ALARO-ANDREU-VIDAL-2-600x400.jpg 600w, https:\/\/www.psib-psoe.org\/mallorca\/wp-content\/uploads\/ALARO-ANDREU-VIDAL-2-300x200.jpg 300w, https:\/\/www.psib-psoe.org\/mallorca\/wp-content\/uploads\/ALARO-ANDREU-VIDAL-2-1024x683.jpg 1024w, https:\/\/www.psib-psoe.org\/mallorca\/wp-content\/uploads\/ALARO-ANDREU-VIDAL-2-768x512.jpg 768w, https:\/\/www.psib-psoe.org\/mallorca\/wp-content\/uploads\/ALARO-ANDREU-VIDAL-2-1536x1024.jpg 1536w, https:\/\/www.psib-psoe.org\/mallorca\/wp-content\/uploads\/ALARO-ANDREU-VIDAL-2-2048x1365.jpg 2048w, https:\/\/www.psib-psoe.org\/mallorca\/wp-content\/uploads\/ALARO-ANDREU-VIDAL-2-150x100.jpg 150w, https:\/\/www.psib-psoe.org\/mallorca\/wp-content\/uploads\/ALARO-ANDREU-VIDAL-2-900x600.jpg 900w, https:\/\/www.psib-psoe.org\/mallorca\/wp-content\/uploads\/ALARO-ANDREU-VIDAL-2-20x13.jpg 20w\" sizes=\"(max-width: 600px) 100vw, 600px\" \/><\/figure>\n\t\t<div class=\"blog-top\">\n\t\t\t<header class=\"post-title entry-header\">\n\t\t\t\t<aside class=\"post-meta cf\">\n\t\t31\/12\/2025 \/ <a href=\"https:\/\/www.psib-psoe.org\/mallorca\/category\/consell-de-mallorca\/\" rel=\"category tag\">Consell de Mallorca<\/a>, <a href=\"https:\/\/www.psib-psoe.org\/mallorca\/category\/federacio-de-mallorca\/\" rel=\"category tag\">Federaci\u00f3 de Mallorca<\/a>, <a href=\"https:\/\/www.psib-psoe.org\/mallorca\/category\/federacio-de-mallorca-portada\/\" rel=\"category tag\">Federaci\u00f3 de Mallorca - Portada<\/a>, <a href=\"https:\/\/www.psib-psoe.org\/mallorca\/category\/municipis\/\" rel=\"category tag\">Municipis<\/a>, <a href=\"https:\/\/www.psib-psoe.org\/mallorca\/category\/portada\/\" rel=\"category tag\">Portada<\/a><\/aside>\n\t\t\t\t<h3 itemprop=\"headline\"><a href=\"https:\/\/www.psib-psoe.org\/mallorca\/el-batle-dalaro-retalla-en-mes-dun-10-laportacio-anual-de-lajuntament-al-fons-mallorqui-de-solidaritat-que-presideix-ell-mateix\/\" title=\"El batle d\u2019Alar\u00f3 retalla en m\u00e9s d\u2019un 10% l\u2019aportaci\u00f3 anual de l\u2019Ajuntament al Fons Mallorqu\u00ed de Solidaritat que presideix ell mateix.\">El batle d\u2019Alar\u00f3 retalla en m\u00e9s d\u2019un 10% l\u2019aportaci\u00f3 anual de l\u2019Ajuntament al Fons Mallorqu\u00ed de Solidaritat que presideix ell mateix.<\/a><\/h3>\n\t\t\t<\/header>\n\t\t<\/div>\n\t\t<div class=\"post-content\">\n\t\t\t<a href=\"https:\/\/www.psib-psoe.org\/mallorca\/el-batle-dalaro-retalla-en-mes-dun-10-laportacio-anual-de-lajuntament-al-fons-mallorqui-de-solidaritat-que-presideix-ell-mateix\/\" class=\"more-link\">Read More<\/a>\n\t\t<\/div>\n\t\t\t<aside class=\"post-bottom-meta hide\">\n\t\t<strong rel=\"author\" itemprop=\"author\" class=\"author vcard\"><span class=\"fn\">Albert<\/span><\/strong>\n\t\t<time class=\"date published time\" datetime=\"2025-12-31T12:32:59+02:00\" itemprop=\"datePublished\" content=\"2025-12-31T12:32:59+02:00\">31\/12\/2025<\/time>\n\t\t<meta itemprop=\"dateModified\" class=\"date updated\" content=\"2025-12-31T12:33:11+02:00\">\n\t\t<span class=\"hide\" itemprop=\"publisher\" itemscope itemtype=\"https:\/\/schema.org\/Organization\">\n\t\t\t<meta itemprop=\"name\" content=\"SocialistesdMca\">\n\t\t\t<span itemprop=\"logo\" itemscope itemtype=\"https:\/\/schema.org\/ImageObject\">\n\t\t\t\t<meta itemprop=\"url\" content=\"https:\/\/www.psib-psoe.org\/mallorca\/wp-content\/themes\/notio-wp\/assets\/img\/logo.png\">\n\t\t\t<\/span>\n\t\t\t<meta itemprop=\"url\" content=\"https:\/\/www.psib-psoe.org\/mallorca\/\">\n\t\t<\/span>\n\t\t\t\t<span class=\"hide\" itemprop=\"image\" itemscope itemtype=\"http:\/\/schema.org\/ImageObject\">\n\t\t\t<meta itemprop=\"url\" content=\"https:\/\/www.psib-psoe.org\/mallorca\/wp-content\/uploads\/ALARO-ANDREU-VIDAL-2-scaled.jpg\">\n\t\t\t<meta itemprop=\"width\" content=\"2560\">\n\t\t\t<meta itemprop=\"height\" content=\"1707\">\n\t\t<\/span>\n\t\t\t\t<meta itemscope itemprop=\"mainEntityOfPage\" itemtype=\"https:\/\/schema.org\/WebPage\" itemid=\"https:\/\/www.psib-psoe.org\/mallorca\/el-batle-dalaro-retalla-en-mes-dun-10-laportacio-anual-de-lajuntament-al-fons-mallorqui-de-solidaritat-que-presideix-ell-mateix\/\">\n\t<\/aside>\n\t\t<\/article>\n<\/div>\n<div class=\"small-12 large-4 columns\">\n\t<article itemscope itemtype=\"http:\/\/schema.org\/Article\" class=\"post blog-style7 alt post-30806 type-post status-publish format-standard has-post-thumbnail hentry category-federacio-de-mallorca category-federacio-de-mallorca-portada category-municipis category-portada tag-amanda-fernandez tag-andreu-serra tag-ares-fernandez tag-bea-gamundi tag-biel-alomar tag-catalina-cladera tag-consell-de-mallorca tag-federacio-socialista-de-mallorca tag-jaume-mateu tag-joan-mendez-2 tag-juana-m-adrover tag-psib-psoe tag-sofia-alonso\" role=\"article\">\n\t\t<figure class=\"post-gallery\"><img loading=\"lazy\" decoding=\"async\" width=\"600\" height=\"400\" src=\"https:\/\/www.psib-psoe.org\/mallorca\/wp-content\/uploads\/Ple-301225-edited-600x400.jpeg\" class=\"attachment-notio-general-x2 size-notio-general-x2 wp-post-image\" alt=\"\" srcset=\"https:\/\/www.psib-psoe.org\/mallorca\/wp-content\/uploads\/Ple-301225-edited-600x400.jpeg 600w, https:\/\/www.psib-psoe.org\/mallorca\/wp-content\/uploads\/Ple-301225-edited-300x200.jpeg 300w, https:\/\/www.psib-psoe.org\/mallorca\/wp-content\/uploads\/Ple-301225-edited-900x600.jpeg 900w, https:\/\/www.psib-psoe.org\/mallorca\/wp-content\/uploads\/Ple-301225-edited-20x13.jpeg 20w\" sizes=\"(max-width: 600px) 100vw, 600px\" \/><\/figure>\n\t\t<div class=\"blog-top\">\n\t\t\t<header class=\"post-title entry-header\">\n\t\t\t\t<aside class=\"post-meta cf\">\n\t\t30\/12\/2025 \/ <a href=\"https:\/\/www.psib-psoe.org\/mallorca\/category\/federacio-de-mallorca\/\" rel=\"category tag\">Federaci\u00f3 de Mallorca<\/a>, <a href=\"https:\/\/www.psib-psoe.org\/mallorca\/category\/federacio-de-mallorca-portada\/\" rel=\"category tag\">Federaci\u00f3 de Mallorca - Portada<\/a>, <a href=\"https:\/\/www.psib-psoe.org\/mallorca\/category\/municipis\/\" rel=\"category tag\">Municipis<\/a>, <a href=\"https:\/\/www.psib-psoe.org\/mallorca\/category\/portada\/\" rel=\"category tag\">Portada<\/a><\/aside>\n\t\t\t\t<h3 itemprop=\"headline\"><a href=\"https:\/\/www.psib-psoe.org\/mallorca\/el-grup-socialista-vota-en-contra-duns-pressupostos-del-consell-de-mallorca-mal-fets-regressius-i-dictats-a-galmes-per-lextrema-dreta\/\" title=\"El Grup Socialista vota en contra d\u2019uns pressupostos del Consell de Mallorca \u201cmal fets, regressius i dictats a Galm\u00e9s per l\u2019extrema dreta\u201d\">El Grup Socialista vota en contra d\u2019uns pressupostos del Consell de Mallorca \u201cmal fets, regressius i dictats a Galm\u00e9s per l\u2019extrema dreta\u201d<\/a><\/h3>\n\t\t\t<\/header>\n\t\t<\/div>\n\t\t<div class=\"post-content\">\n\t\t\t<a href=\"https:\/\/www.psib-psoe.org\/mallorca\/el-grup-socialista-vota-en-contra-duns-pressupostos-del-consell-de-mallorca-mal-fets-regressius-i-dictats-a-galmes-per-lextrema-dreta\/\" class=\"more-link\">Read More<\/a>\n\t\t<\/div>\n\t\t\t<aside class=\"post-bottom-meta hide\">\n\t\t<strong rel=\"author\" itemprop=\"author\" class=\"author vcard\"><span class=\"fn\">Albert<\/span><\/strong>\n\t\t<time class=\"date published time\" datetime=\"2025-12-30T16:24:37+02:00\" itemprop=\"datePublished\" content=\"2025-12-30T16:24:37+02:00\">30\/12\/2025<\/time>\n\t\t<meta itemprop=\"dateModified\" class=\"date updated\" content=\"2025-12-30T16:24:49+02:00\">\n\t\t<span class=\"hide\" itemprop=\"publisher\" itemscope itemtype=\"https:\/\/schema.org\/Organization\">\n\t\t\t<meta itemprop=\"name\" content=\"SocialistesdMca\">\n\t\t\t<span itemprop=\"logo\" itemscope itemtype=\"https:\/\/schema.org\/ImageObject\">\n\t\t\t\t<meta itemprop=\"url\" content=\"https:\/\/www.psib-psoe.org\/mallorca\/wp-content\/themes\/notio-wp\/assets\/img\/logo.png\">\n\t\t\t<\/span>\n\t\t\t<meta itemprop=\"url\" content=\"https:\/\/www.psib-psoe.org\/mallorca\/\">\n\t\t<\/span>\n\t\t\t\t<span class=\"hide\" itemprop=\"image\" itemscope itemtype=\"http:\/\/schema.org\/ImageObject\">\n\t\t\t<meta itemprop=\"url\" content=\"https:\/\/www.psib-psoe.org\/mallorca\/wp-content\/uploads\/Ple-301225-edited.jpeg\">\n\t\t\t<meta itemprop=\"width\" content=\"1600\">\n\t\t\t<meta itemprop=\"height\" content=\"900\">\n\t\t<\/span>\n\t\t\t\t<meta itemscope itemprop=\"mainEntityOfPage\" itemtype=\"https:\/\/schema.org\/WebPage\" itemid=\"https:\/\/www.psib-psoe.org\/mallorca\/el-grup-socialista-vota-en-contra-duns-pressupostos-del-consell-de-mallorca-mal-fets-regressius-i-dictats-a-galmes-per-lextrema-dreta\/\">\n\t<\/aside>\n\t\t<\/article>\n<\/div>\n<div class=\"small-12 large-4 columns\">\n\t<article itemscope itemtype=\"http:\/\/schema.org\/Article\" class=\"post blog-style7 alt post-30801 type-post status-publish format-standard has-post-thumbnail hentry category-federacio-de-mallorca category-federacio-de-mallorca-portada category-municipis category-portada tag-amanda-fernandez tag-andreu-serra tag-ares-fernandez tag-bea-gamundi tag-biel-alomar tag-catalina-cladera tag-consell-de-mallorca tag-federacio-socialista-de-mallorca tag-jaume-mateu tag-joan-mendez-2 tag-juana-m-adrover tag-psib-psoe tag-sofia-alonso\" role=\"article\">\n\t\t<figure class=\"post-gallery\"><img loading=\"lazy\" decoding=\"async\" width=\"600\" height=\"400\" src=\"https:\/\/www.psib-psoe.org\/mallorca\/wp-content\/uploads\/CAti-rdp-reclamacio-pressupost-1-edited-600x400.jpeg\" class=\"attachment-notio-general-x2 size-notio-general-x2 wp-post-image\" alt=\"\" srcset=\"https:\/\/www.psib-psoe.org\/mallorca\/wp-content\/uploads\/CAti-rdp-reclamacio-pressupost-1-edited-600x400.jpeg 600w, https:\/\/www.psib-psoe.org\/mallorca\/wp-content\/uploads\/CAti-rdp-reclamacio-pressupost-1-edited-300x200.jpeg 300w, https:\/\/www.psib-psoe.org\/mallorca\/wp-content\/uploads\/CAti-rdp-reclamacio-pressupost-1-edited-900x600.jpeg 900w, https:\/\/www.psib-psoe.org\/mallorca\/wp-content\/uploads\/CAti-rdp-reclamacio-pressupost-1-edited-20x13.jpeg 20w\" sizes=\"(max-width: 600px) 100vw, 600px\" \/><\/figure>\n\t\t<div class=\"blog-top\">\n\t\t\t<header class=\"post-title entry-header\">\n\t\t\t\t<aside class=\"post-meta cf\">\n\t\t30\/12\/2025 \/ <a href=\"https:\/\/www.psib-psoe.org\/mallorca\/category\/federacio-de-mallorca\/\" rel=\"category tag\">Federaci\u00f3 de Mallorca<\/a>, <a href=\"https:\/\/www.psib-psoe.org\/mallorca\/category\/federacio-de-mallorca-portada\/\" rel=\"category tag\">Federaci\u00f3 de Mallorca - Portada<\/a>, <a href=\"https:\/\/www.psib-psoe.org\/mallorca\/category\/municipis\/\" rel=\"category tag\">Municipis<\/a>, <a href=\"https:\/\/www.psib-psoe.org\/mallorca\/category\/portada\/\" rel=\"category tag\">Portada<\/a><\/aside>\n\t\t\t\t<h3 itemprop=\"headline\"><a href=\"https:\/\/www.psib-psoe.org\/mallorca\/el-grup-socialista-considera-necessaria-la-substitucio-de-jose-marcial-rodriguez-per-la-seva-mala-gestio-continuada-al-capdavant-de-turisme\/\" title=\"El Grup Socialista considera \u201cnecess\u00e0ria\u201d la substituci\u00f3 de Jos\u00e9 Marcial Rodr\u00edguez per la seva \u201cmala gesti\u00f3 continuada\u201d al capdavant de Turisme.\">El Grup Socialista considera \u201cnecess\u00e0ria\u201d la substituci\u00f3 de Jos\u00e9 Marcial Rodr\u00edguez per la seva \u201cmala gesti\u00f3 continuada\u201d al capdavant de Turisme.<\/a><\/h3>\n\t\t\t<\/header>\n\t\t<\/div>\n\t\t<div class=\"post-content\">\n\t\t\t<a href=\"https:\/\/www.psib-psoe.org\/mallorca\/el-grup-socialista-considera-necessaria-la-substitucio-de-jose-marcial-rodriguez-per-la-seva-mala-gestio-continuada-al-capdavant-de-turisme\/\" class=\"more-link\">Read More<\/a>\n\t\t<\/div>\n\t\t\t<aside class=\"post-bottom-meta hide\">\n\t\t<strong rel=\"author\" itemprop=\"author\" class=\"author vcard\"><span class=\"fn\">Albert<\/span><\/strong>\n\t\t<time class=\"date published time\" datetime=\"2025-12-30T16:05:40+02:00\" itemprop=\"datePublished\" content=\"2025-12-30T16:05:40+02:00\">30\/12\/2025<\/time>\n\t\t<meta itemprop=\"dateModified\" class=\"date updated\" content=\"2025-12-30T16:05:51+02:00\">\n\t\t<span class=\"hide\" itemprop=\"publisher\" itemscope itemtype=\"https:\/\/schema.org\/Organization\">\n\t\t\t<meta itemprop=\"name\" content=\"SocialistesdMca\">\n\t\t\t<span itemprop=\"logo\" itemscope itemtype=\"https:\/\/schema.org\/ImageObject\">\n\t\t\t\t<meta itemprop=\"url\" content=\"https:\/\/www.psib-psoe.org\/mallorca\/wp-content\/themes\/notio-wp\/assets\/img\/logo.png\">\n\t\t\t<\/span>\n\t\t\t<meta itemprop=\"url\" content=\"https:\/\/www.psib-psoe.org\/mallorca\/\">\n\t\t<\/span>\n\t\t\t\t<span class=\"hide\" itemprop=\"image\" itemscope itemtype=\"http:\/\/schema.org\/ImageObject\">\n\t\t\t<meta itemprop=\"url\" content=\"https:\/\/www.psib-psoe.org\/mallorca\/wp-content\/uploads\/CAti-rdp-reclamacio-pressupost-1-edited.jpeg\">\n\t\t\t<meta itemprop=\"width\" content=\"1600\">\n\t\t\t<meta itemprop=\"height\" content=\"900\">\n\t\t<\/span>\n\t\t\t\t<meta itemscope itemprop=\"mainEntityOfPage\" itemtype=\"https:\/\/schema.org\/WebPage\" itemid=\"https:\/\/www.psib-psoe.org\/mallorca\/el-grup-socialista-considera-necessaria-la-substitucio-de-jose-marcial-rodriguez-per-la-seva-mala-gestio-continuada-al-capdavant-de-turisme\/\">\n\t<\/aside>\n\t\t<\/article>\n<\/div>\n<div class=\"small-12 large-4 columns\">\n\t<article itemscope itemtype=\"http:\/\/schema.org\/Article\" class=\"post blog-style7 alt post-30795 type-post status-publish format-standard has-post-thumbnail hentry category-federacio-de-mallorca category-federacio-de-mallorca-portada category-municipis category-portada tag-amanda-fernandez tag-andreu-serra tag-ares-fernandez tag-bea-gamundi tag-biel-alomar tag-catalina-cladera tag-consell-de-mallorca tag-federacio-socialista-de-mallorca tag-jaume-mateu tag-joan-mendez-2 tag-juana-m-adrover tag-psib-psoe tag-sofia-alonso\" role=\"article\">\n\t\t<figure class=\"post-gallery\"><img loading=\"lazy\" decoding=\"async\" width=\"600\" height=\"400\" src=\"https:\/\/www.psib-psoe.org\/mallorca\/wp-content\/uploads\/Rdp-291225-edited-600x400.jpeg\" class=\"attachment-notio-general-x2 size-notio-general-x2 wp-post-image\" alt=\"\" srcset=\"https:\/\/www.psib-psoe.org\/mallorca\/wp-content\/uploads\/Rdp-291225-edited-600x400.jpeg 600w, https:\/\/www.psib-psoe.org\/mallorca\/wp-content\/uploads\/Rdp-291225-edited-300x200.jpeg 300w, https:\/\/www.psib-psoe.org\/mallorca\/wp-content\/uploads\/Rdp-291225-edited-900x600.jpeg 900w, https:\/\/www.psib-psoe.org\/mallorca\/wp-content\/uploads\/Rdp-291225-edited-20x13.jpeg 20w\" sizes=\"(max-width: 600px) 100vw, 600px\" \/><\/figure>\n\t\t<div class=\"blog-top\">\n\t\t\t<header class=\"post-title entry-header\">\n\t\t\t\t<aside class=\"post-meta cf\">\n\t\t29\/12\/2025 \/ <a href=\"https:\/\/www.psib-psoe.org\/mallorca\/category\/federacio-de-mallorca\/\" rel=\"category tag\">Federaci\u00f3 de Mallorca<\/a>, <a href=\"https:\/\/www.psib-psoe.org\/mallorca\/category\/federacio-de-mallorca-portada\/\" rel=\"category tag\">Federaci\u00f3 de Mallorca - Portada<\/a>, <a href=\"https:\/\/www.psib-psoe.org\/mallorca\/category\/municipis\/\" rel=\"category tag\">Municipis<\/a>, <a href=\"https:\/\/www.psib-psoe.org\/mallorca\/category\/portada\/\" rel=\"category tag\">Portada<\/a><\/aside>\n\t\t\t\t<h3 itemprop=\"headline\"><a href=\"https:\/\/www.psib-psoe.org\/mallorca\/els-socialistes-denuncien-la-inaccio-de-galmes-davant-la-crisi-dhabitatge-i-exigeixen-erradicar-el-lloguer-turistic-illegal\/\" title=\"Els Socialistes denuncien la inacci\u00f3 de Galm\u00e9s davant la crisi d\u2019habitatge i exigeixen erradicar el lloguer tur\u00edstic il\u00b7legal.\">Els Socialistes denuncien la inacci\u00f3 de Galm\u00e9s davant la crisi d\u2019habitatge i exigeixen erradicar el lloguer tur\u00edstic il\u00b7legal.<\/a><\/h3>\n\t\t\t<\/header>\n\t\t<\/div>\n\t\t<div class=\"post-content\">\n\t\t\t<a href=\"https:\/\/www.psib-psoe.org\/mallorca\/els-socialistes-denuncien-la-inaccio-de-galmes-davant-la-crisi-dhabitatge-i-exigeixen-erradicar-el-lloguer-turistic-illegal\/\" class=\"more-link\">Read More<\/a>\n\t\t<\/div>\n\t\t\t<aside class=\"post-bottom-meta hide\">\n\t\t<strong rel=\"author\" itemprop=\"author\" class=\"author vcard\"><span class=\"fn\">Albert<\/span><\/strong>\n\t\t<time class=\"date published time\" datetime=\"2025-12-29T14:07:51+02:00\" itemprop=\"datePublished\" content=\"2025-12-29T14:07:51+02:00\">29\/12\/2025<\/time>\n\t\t<meta itemprop=\"dateModified\" class=\"date updated\" content=\"2025-12-29T14:08:04+02:00\">\n\t\t<span class=\"hide\" itemprop=\"publisher\" itemscope itemtype=\"https:\/\/schema.org\/Organization\">\n\t\t\t<meta itemprop=\"name\" content=\"SocialistesdMca\">\n\t\t\t<span itemprop=\"logo\" itemscope itemtype=\"https:\/\/schema.org\/ImageObject\">\n\t\t\t\t<meta itemprop=\"url\" content=\"https:\/\/www.psib-psoe.org\/mallorca\/wp-content\/themes\/notio-wp\/assets\/img\/logo.png\">\n\t\t\t<\/span>\n\t\t\t<meta itemprop=\"url\" content=\"https:\/\/www.psib-psoe.org\/mallorca\/\">\n\t\t<\/span>\n\t\t\t\t<span class=\"hide\" itemprop=\"image\" itemscope itemtype=\"http:\/\/schema.org\/ImageObject\">\n\t\t\t<meta itemprop=\"url\" content=\"https:\/\/www.psib-psoe.org\/mallorca\/wp-content\/uploads\/Rdp-291225-edited.jpeg\">\n\t\t\t<meta itemprop=\"width\" content=\"1600\">\n\t\t\t<meta itemprop=\"height\" content=\"900\">\n\t\t<\/span>\n\t\t\t\t<meta itemscope itemprop=\"mainEntityOfPage\" itemtype=\"https:\/\/schema.org\/WebPage\" itemid=\"https:\/\/www.psib-psoe.org\/mallorca\/els-socialistes-denuncien-la-inaccio-de-galmes-davant-la-crisi-dhabitatge-i-exigeixen-erradicar-el-lloguer-turistic-illegal\/\">\n\t<\/aside>\n\t\t<\/article>\n<\/div>\n<div class=\"small-12 large-4 columns\">\n\t<article itemscope itemtype=\"http:\/\/schema.org\/Article\" class=\"post blog-style7 alt post-30790 type-post status-publish format-standard has-post-thumbnail hentry category-federacio-de-mallorca category-federacio-de-mallorca-portada category-municipis category-portada tag-amanda-fernandez tag-andreu-serra tag-ares-fernandez tag-bea-gamundi tag-biel-alomar tag-catalina-cladera tag-consell-de-mallorca tag-federacio-socialista-de-mallorca tag-jaume-mateu tag-joan-mendez-2 tag-juana-m-adrover tag-psib-psoe tag-sofia-alonso\" role=\"article\">\n\t\t<figure class=\"post-gallery\"><img loading=\"lazy\" decoding=\"async\" width=\"600\" height=\"400\" src=\"https:\/\/www.psib-psoe.org\/mallorca\/wp-content\/uploads\/Alonso-decles-230925-600x400.jpeg\" class=\"attachment-notio-general-x2 size-notio-general-x2 wp-post-image\" alt=\"\" srcset=\"https:\/\/www.psib-psoe.org\/mallorca\/wp-content\/uploads\/Alonso-decles-230925-600x400.jpeg 600w, https:\/\/www.psib-psoe.org\/mallorca\/wp-content\/uploads\/Alonso-decles-230925-300x200.jpeg 300w, https:\/\/www.psib-psoe.org\/mallorca\/wp-content\/uploads\/Alonso-decles-230925-900x600.jpeg 900w, https:\/\/www.psib-psoe.org\/mallorca\/wp-content\/uploads\/Alonso-decles-230925-20x13.jpeg 20w\" sizes=\"(max-width: 600px) 100vw, 600px\" \/><\/figure>\n\t\t<div class=\"blog-top\">\n\t\t\t<header class=\"post-title entry-header\">\n\t\t\t\t<aside class=\"post-meta cf\">\n\t\t26\/12\/2025 \/ <a href=\"https:\/\/www.psib-psoe.org\/mallorca\/category\/federacio-de-mallorca\/\" rel=\"category tag\">Federaci\u00f3 de Mallorca<\/a>, <a href=\"https:\/\/www.psib-psoe.org\/mallorca\/category\/federacio-de-mallorca-portada\/\" rel=\"category tag\">Federaci\u00f3 de Mallorca - Portada<\/a>, <a href=\"https:\/\/www.psib-psoe.org\/mallorca\/category\/municipis\/\" rel=\"category tag\">Municipis<\/a>, <a href=\"https:\/\/www.psib-psoe.org\/mallorca\/category\/portada\/\" rel=\"category tag\">Portada<\/a><\/aside>\n\t\t\t\t<h3 itemprop=\"headline\"><a href=\"https:\/\/www.psib-psoe.org\/mallorca\/limas-i-el-consell-de-mallorca-deixen-dormir-al-carrer-desenes-de-persones-sense-llar-en-ple-hivern\/\" title=\"L\u2019IMAS i el Consell de Mallorca deixen dormir al carrer desenes de persones sense llar en ple hivern.\">L\u2019IMAS i el Consell de Mallorca deixen dormir al carrer desenes de persones sense llar en ple hivern.<\/a><\/h3>\n\t\t\t<\/header>\n\t\t<\/div>\n\t\t<div class=\"post-content\">\n\t\t\t<a href=\"https:\/\/www.psib-psoe.org\/mallorca\/limas-i-el-consell-de-mallorca-deixen-dormir-al-carrer-desenes-de-persones-sense-llar-en-ple-hivern\/\" class=\"more-link\">Read More<\/a>\n\t\t<\/div>\n\t\t\t<aside class=\"post-bottom-meta hide\">\n\t\t<strong rel=\"author\" itemprop=\"author\" class=\"author vcard\"><span class=\"fn\">Albert<\/span><\/strong>\n\t\t<time class=\"date published time\" datetime=\"2025-12-26T12:25:21+02:00\" itemprop=\"datePublished\" content=\"2025-12-26T12:25:21+02:00\">26\/12\/2025<\/time>\n\t\t<meta itemprop=\"dateModified\" class=\"date updated\" content=\"2025-12-26T12:25:34+02:00\">\n\t\t<span class=\"hide\" itemprop=\"publisher\" itemscope itemtype=\"https:\/\/schema.org\/Organization\">\n\t\t\t<meta itemprop=\"name\" content=\"SocialistesdMca\">\n\t\t\t<span itemprop=\"logo\" itemscope itemtype=\"https:\/\/schema.org\/ImageObject\">\n\t\t\t\t<meta itemprop=\"url\" content=\"https:\/\/www.psib-psoe.org\/mallorca\/wp-content\/themes\/notio-wp\/assets\/img\/logo.png\">\n\t\t\t<\/span>\n\t\t\t<meta itemprop=\"url\" content=\"https:\/\/www.psib-psoe.org\/mallorca\/\">\n\t\t<\/span>\n\t\t\t\t<span class=\"hide\" itemprop=\"image\" itemscope itemtype=\"http:\/\/schema.org\/ImageObject\">\n\t\t\t<meta itemprop=\"url\" content=\"https:\/\/www.psib-psoe.org\/mallorca\/wp-content\/uploads\/Alonso-decles-230925.jpeg\">\n\t\t\t<meta itemprop=\"width\" content=\"1179\">\n\t\t\t<meta itemprop=\"height\" content=\"1433\">\n\t\t<\/span>\n\t\t\t\t<meta itemscope itemprop=\"mainEntityOfPage\" itemtype=\"https:\/\/schema.org\/WebPage\" itemid=\"https:\/\/www.psib-psoe.org\/mallorca\/limas-i-el-consell-de-mallorca-deixen-dormir-al-carrer-desenes-de-persones-sense-llar-en-ple-hivern\/\">\n\t<\/aside>\n\t\t<\/article>\n<\/div>\n<div class=\"small-12 large-4 columns\">\n\t<article itemscope itemtype=\"http:\/\/schema.org\/Article\" class=\"post blog-style7 alt post-30786 type-post status-publish format-standard has-post-thumbnail hentry category-federacio-de-mallorca category-federacio-de-mallorca-portada category-municipis category-portada tag-amanda-fernandez tag-andreu-serra tag-ares-fernandez tag-bea-gamundi tag-biel-alomar tag-catalina-cladera tag-consell-de-mallorca tag-federacio-socialista-de-mallorca tag-jaume-mateu tag-joan-mendez-2 tag-juana-m-adrover tag-psib-psoe tag-sofia-alonso\" role=\"article\">\n\t\t<figure class=\"post-gallery\"><img loading=\"lazy\" decoding=\"async\" width=\"600\" height=\"400\" src=\"https:\/\/www.psib-psoe.org\/mallorca\/wp-content\/uploads\/Manifest-conjunt-25N-2-600x400.jpeg\" class=\"attachment-notio-general-x2 size-notio-general-x2 wp-post-image\" alt=\"\" srcset=\"https:\/\/www.psib-psoe.org\/mallorca\/wp-content\/uploads\/Manifest-conjunt-25N-2-600x400.jpeg 600w, https:\/\/www.psib-psoe.org\/mallorca\/wp-content\/uploads\/Manifest-conjunt-25N-2-300x200.jpeg 300w, https:\/\/www.psib-psoe.org\/mallorca\/wp-content\/uploads\/Manifest-conjunt-25N-2-1024x682.jpeg 1024w, https:\/\/www.psib-psoe.org\/mallorca\/wp-content\/uploads\/Manifest-conjunt-25N-2-768x512.jpeg 768w, https:\/\/www.psib-psoe.org\/mallorca\/wp-content\/uploads\/Manifest-conjunt-25N-2-1536x1023.jpeg 1536w, https:\/\/www.psib-psoe.org\/mallorca\/wp-content\/uploads\/Manifest-conjunt-25N-2-150x100.jpeg 150w, https:\/\/www.psib-psoe.org\/mallorca\/wp-content\/uploads\/Manifest-conjunt-25N-2-900x600.jpeg 900w, https:\/\/www.psib-psoe.org\/mallorca\/wp-content\/uploads\/Manifest-conjunt-25N-2-20x13.jpeg 20w, https:\/\/www.psib-psoe.org\/mallorca\/wp-content\/uploads\/Manifest-conjunt-25N-2.jpeg 1600w\" sizes=\"(max-width: 600px) 100vw, 600px\" \/><\/figure>\n\t\t<div class=\"blog-top\">\n\t\t\t<header class=\"post-title entry-header\">\n\t\t\t\t<aside class=\"post-meta cf\">\n\t\t23\/12\/2025 \/ <a href=\"https:\/\/www.psib-psoe.org\/mallorca\/category\/federacio-de-mallorca\/\" rel=\"category tag\">Federaci\u00f3 de Mallorca<\/a>, <a href=\"https:\/\/www.psib-psoe.org\/mallorca\/category\/federacio-de-mallorca-portada\/\" rel=\"category tag\">Federaci\u00f3 de Mallorca - Portada<\/a>, <a href=\"https:\/\/www.psib-psoe.org\/mallorca\/category\/municipis\/\" rel=\"category tag\">Municipis<\/a>, <a href=\"https:\/\/www.psib-psoe.org\/mallorca\/category\/portada\/\" rel=\"category tag\">Portada<\/a><\/aside>\n\t\t\t\t<h3 itemprop=\"headline\"><a href=\"https:\/\/www.psib-psoe.org\/mallorca\/el-grup-socialista-questiona-la-cessio-de-tecnics-al-consell-de-menorca-mentre-que-els-tramits-a-mallorca-es-demoren\/\" title=\"El Grup Socialista q\u00fcestiona la cessi\u00f3 de t\u00e8cnics al Consell de Menorca, mentre que els tr\u00e0mits a Mallorca es demoren. \u00a0\">El Grup Socialista q\u00fcestiona la cessi\u00f3 de t\u00e8cnics al Consell de Menorca, mentre que els tr\u00e0mits a Mallorca es demoren. \u00a0<\/a><\/h3>\n\t\t\t<\/header>\n\t\t<\/div>\n\t\t<div class=\"post-content\">\n\t\t\t<a href=\"https:\/\/www.psib-psoe.org\/mallorca\/el-grup-socialista-questiona-la-cessio-de-tecnics-al-consell-de-menorca-mentre-que-els-tramits-a-mallorca-es-demoren\/\" class=\"more-link\">Read More<\/a>\n\t\t<\/div>\n\t\t\t<aside class=\"post-bottom-meta hide\">\n\t\t<strong rel=\"author\" itemprop=\"author\" class=\"author vcard\"><span class=\"fn\">Albert<\/span><\/strong>\n\t\t<time class=\"date published time\" datetime=\"2025-12-23T12:08:00+02:00\" itemprop=\"datePublished\" content=\"2025-12-23T12:08:00+02:00\">23\/12\/2025<\/time>\n\t\t<meta itemprop=\"dateModified\" class=\"date updated\" content=\"2025-12-23T12:08:12+02:00\">\n\t\t<span class=\"hide\" itemprop=\"publisher\" itemscope itemtype=\"https:\/\/schema.org\/Organization\">\n\t\t\t<meta itemprop=\"name\" content=\"SocialistesdMca\">\n\t\t\t<span itemprop=\"logo\" itemscope itemtype=\"https:\/\/schema.org\/ImageObject\">\n\t\t\t\t<meta itemprop=\"url\" content=\"https:\/\/www.psib-psoe.org\/mallorca\/wp-content\/themes\/notio-wp\/assets\/img\/logo.png\">\n\t\t\t<\/span>\n\t\t\t<meta itemprop=\"url\" content=\"https:\/\/www.psib-psoe.org\/mallorca\/\">\n\t\t<\/span>\n\t\t\t\t<span class=\"hide\" itemprop=\"image\" itemscope itemtype=\"http:\/\/schema.org\/ImageObject\">\n\t\t\t<meta itemprop=\"url\" content=\"https:\/\/www.psib-psoe.org\/mallorca\/wp-content\/uploads\/Manifest-conjunt-25N-2.jpeg\">\n\t\t\t<meta itemprop=\"width\" content=\"1600\">\n\t\t\t<meta itemprop=\"height\" content=\"1066\">\n\t\t<\/span>\n\t\t\t\t<meta itemscope itemprop=\"mainEntityOfPage\" itemtype=\"https:\/\/schema.org\/WebPage\" itemid=\"https:\/\/www.psib-psoe.org\/mallorca\/el-grup-socialista-questiona-la-cessio-de-tecnics-al-consell-de-menorca-mentre-que-els-tramits-a-mallorca-es-demoren\/\">\n\t<\/aside>\n\t\t<\/article>\n<\/div>\n<div class=\"small-12 large-4 columns\">\n\t<article itemscope itemtype=\"http:\/\/schema.org\/Article\" class=\"post blog-style7 alt post-30782 type-post status-publish format-standard has-post-thumbnail hentry category-federacio-de-mallorca category-federacio-de-mallorca-portada category-municipis category-portada tag-amanda-fernandez tag-ares-fernandez tag-catalina-cladera tag-federacio-socialista-de-mallorca tag-francina-armengol tag-joan-mendez-2 tag-miquel-cabot tag-psib-psoe\" role=\"article\">\n\t\t<figure class=\"post-gallery\"><img loading=\"lazy\" decoding=\"async\" width=\"600\" height=\"400\" src=\"https:\/\/www.psib-psoe.org\/mallorca\/wp-content\/uploads\/191225_FOTO-GRUP-SOPAR-PSIB-600x400.jpg\" class=\"attachment-notio-general-x2 size-notio-general-x2 wp-post-image\" alt=\"\" srcset=\"https:\/\/www.psib-psoe.org\/mallorca\/wp-content\/uploads\/191225_FOTO-GRUP-SOPAR-PSIB-600x400.jpg 600w, https:\/\/www.psib-psoe.org\/mallorca\/wp-content\/uploads\/191225_FOTO-GRUP-SOPAR-PSIB-300x200.jpg 300w, https:\/\/www.psib-psoe.org\/mallorca\/wp-content\/uploads\/191225_FOTO-GRUP-SOPAR-PSIB-1024x683.jpg 1024w, https:\/\/www.psib-psoe.org\/mallorca\/wp-content\/uploads\/191225_FOTO-GRUP-SOPAR-PSIB-768x512.jpg 768w, https:\/\/www.psib-psoe.org\/mallorca\/wp-content\/uploads\/191225_FOTO-GRUP-SOPAR-PSIB-1536x1024.jpg 1536w, https:\/\/www.psib-psoe.org\/mallorca\/wp-content\/uploads\/191225_FOTO-GRUP-SOPAR-PSIB-2048x1365.jpg 2048w, https:\/\/www.psib-psoe.org\/mallorca\/wp-content\/uploads\/191225_FOTO-GRUP-SOPAR-PSIB-150x100.jpg 150w, https:\/\/www.psib-psoe.org\/mallorca\/wp-content\/uploads\/191225_FOTO-GRUP-SOPAR-PSIB-900x600.jpg 900w, https:\/\/www.psib-psoe.org\/mallorca\/wp-content\/uploads\/191225_FOTO-GRUP-SOPAR-PSIB-20x13.jpg 20w\" sizes=\"(max-width: 600px) 100vw, 600px\" \/><\/figure>\n\t\t<div class=\"blog-top\">\n\t\t\t<header class=\"post-title entry-header\">\n\t\t\t\t<aside class=\"post-meta cf\">\n\t\t20\/12\/2025 \/ <a href=\"https:\/\/www.psib-psoe.org\/mallorca\/category\/federacio-de-mallorca\/\" rel=\"category tag\">Federaci\u00f3 de Mallorca<\/a>, <a href=\"https:\/\/www.psib-psoe.org\/mallorca\/category\/federacio-de-mallorca-portada\/\" rel=\"category tag\">Federaci\u00f3 de Mallorca - Portada<\/a>, <a href=\"https:\/\/www.psib-psoe.org\/mallorca\/category\/municipis\/\" rel=\"category tag\">Municipis<\/a>, <a href=\"https:\/\/www.psib-psoe.org\/mallorca\/category\/portada\/\" rel=\"category tag\">Portada<\/a><\/aside>\n\t\t\t\t<h3 itemprop=\"headline\"><a href=\"https:\/\/www.psib-psoe.org\/mallorca\/armengol-al-sopar-de-nadal-del-socialistes-de-mallorca-ara-mes-que-mai-val-la-pena-lluitar\/\" title=\"Armengol, al sopar de Nadal del Socialistes de Mallorca: \u201cara m\u00e9s que mai, val la pena lluitar\u201d.\">Armengol, al sopar de Nadal del Socialistes de Mallorca: \u201cara m\u00e9s que mai, val la pena lluitar\u201d.<\/a><\/h3>\n\t\t\t<\/header>\n\t\t<\/div>\n\t\t<div class=\"post-content\">\n\t\t\t<a href=\"https:\/\/www.psib-psoe.org\/mallorca\/armengol-al-sopar-de-nadal-del-socialistes-de-mallorca-ara-mes-que-mai-val-la-pena-lluitar\/\" class=\"more-link\">Read More<\/a>\n\t\t<\/div>\n\t\t\t<aside class=\"post-bottom-meta hide\">\n\t\t<strong rel=\"author\" itemprop=\"author\" class=\"author vcard\"><span class=\"fn\">Albert<\/span><\/strong>\n\t\t<time class=\"date published time\" datetime=\"2025-12-20T00:02:43+02:00\" itemprop=\"datePublished\" content=\"2025-12-20T00:02:43+02:00\">20\/12\/2025<\/time>\n\t\t<meta itemprop=\"dateModified\" class=\"date updated\" content=\"2025-12-20T00:02:55+02:00\">\n\t\t<span class=\"hide\" itemprop=\"publisher\" itemscope itemtype=\"https:\/\/schema.org\/Organization\">\n\t\t\t<meta itemprop=\"name\" content=\"SocialistesdMca\">\n\t\t\t<span itemprop=\"logo\" itemscope itemtype=\"https:\/\/schema.org\/ImageObject\">\n\t\t\t\t<meta itemprop=\"url\" content=\"https:\/\/www.psib-psoe.org\/mallorca\/wp-content\/themes\/notio-wp\/assets\/img\/logo.png\">\n\t\t\t<\/span>\n\t\t\t<meta itemprop=\"url\" content=\"https:\/\/www.psib-psoe.org\/mallorca\/\">\n\t\t<\/span>\n\t\t\t\t<span class=\"hide\" itemprop=\"image\" itemscope itemtype=\"http:\/\/schema.org\/ImageObject\">\n\t\t\t<meta itemprop=\"url\" content=\"https:\/\/www.psib-psoe.org\/mallorca\/wp-content\/uploads\/191225_FOTO-GRUP-SOPAR-PSIB-scaled.jpg\">\n\t\t\t<meta itemprop=\"width\" content=\"2560\">\n\t\t\t<meta itemprop=\"height\" content=\"1707\">\n\t\t<\/span>\n\t\t\t\t<meta itemscope itemprop=\"mainEntityOfPage\" itemtype=\"https:\/\/schema.org\/WebPage\" itemid=\"https:\/\/www.psib-psoe.org\/mallorca\/armengol-al-sopar-de-nadal-del-socialistes-de-mallorca-ara-mes-que-mai-val-la-pena-lluitar\/\">\n\t<\/aside>\n\t\t<\/article>\n<\/div>\n<div class=\"small-12 large-4 columns\">\n\t<article itemscope itemtype=\"http:\/\/schema.org\/Article\" class=\"post blog-style7 alt post-30777 type-post status-publish format-standard has-post-thumbnail hentry category-federacio-de-mallorca category-federacio-de-mallorca-portada category-municipis category-portada tag-agrupacio-socialista-de-llucmajor tag-amanda-fernandez tag-federacio-socialista-de-mallorca tag-jaume-j-oliver-2 tag-llucmajor tag-psib-psoe\" role=\"article\">\n\t\t<figure class=\"post-gallery\"><img loading=\"lazy\" decoding=\"async\" width=\"600\" height=\"400\" src=\"https:\/\/www.psib-psoe.org\/mallorca\/wp-content\/uploads\/Ple-fems-291025-1-edited-600x400.jpeg\" class=\"attachment-notio-general-x2 size-notio-general-x2 wp-post-image\" alt=\"\" srcset=\"https:\/\/www.psib-psoe.org\/mallorca\/wp-content\/uploads\/Ple-fems-291025-1-edited-600x400.jpeg 600w, https:\/\/www.psib-psoe.org\/mallorca\/wp-content\/uploads\/Ple-fems-291025-1-edited-300x200.jpeg 300w, https:\/\/www.psib-psoe.org\/mallorca\/wp-content\/uploads\/Ple-fems-291025-1-edited-20x13.jpeg 20w\" sizes=\"(max-width: 600px) 100vw, 600px\" \/><\/figure>\n\t\t<div class=\"blog-top\">\n\t\t\t<header class=\"post-title entry-header\">\n\t\t\t\t<aside class=\"post-meta cf\">\n\t\t19\/12\/2025 \/ <a href=\"https:\/\/www.psib-psoe.org\/mallorca\/category\/federacio-de-mallorca\/\" rel=\"category tag\">Federaci\u00f3 de Mallorca<\/a>, <a href=\"https:\/\/www.psib-psoe.org\/mallorca\/category\/federacio-de-mallorca-portada\/\" rel=\"category tag\">Federaci\u00f3 de Mallorca - Portada<\/a>, <a href=\"https:\/\/www.psib-psoe.org\/mallorca\/category\/municipis\/\" rel=\"category tag\">Municipis<\/a>, <a href=\"https:\/\/www.psib-psoe.org\/mallorca\/category\/portada\/\" rel=\"category tag\">Portada<\/a><\/aside>\n\t\t\t\t<h3 itemprop=\"headline\"><a href=\"https:\/\/www.psib-psoe.org\/mallorca\/el-grup-municipal-socialista-de-llucmajor-presenta-una-mocio-de-reprovacio-per-exigir-la-dimissio-de-la-batlessa-i-la-regidora-durbanisme\/\" title=\"El Grup Municipal Socialista de Llucmajor presenta una moci\u00f3 de reprovaci\u00f3 per exigir la dimissi\u00f3 de la batlessa i la regidora d\u2019Urbanisme.\">El Grup Municipal Socialista de Llucmajor presenta una moci\u00f3 de reprovaci\u00f3 per exigir la dimissi\u00f3 de la batlessa i la regidora d\u2019Urbanisme.<\/a><\/h3>\n\t\t\t<\/header>\n\t\t<\/div>\n\t\t<div class=\"post-content\">\n\t\t\t<a href=\"https:\/\/www.psib-psoe.org\/mallorca\/el-grup-municipal-socialista-de-llucmajor-presenta-una-mocio-de-reprovacio-per-exigir-la-dimissio-de-la-batlessa-i-la-regidora-durbanisme\/\" class=\"more-link\">Read More<\/a>\n\t\t<\/div>\n\t\t\t<aside class=\"post-bottom-meta hide\">\n\t\t<strong rel=\"author\" itemprop=\"author\" class=\"author vcard\"><span class=\"fn\">Albert<\/span><\/strong>\n\t\t<time class=\"date published time\" datetime=\"2025-12-19T17:52:16+02:00\" itemprop=\"datePublished\" content=\"2025-12-19T17:52:16+02:00\">19\/12\/2025<\/time>\n\t\t<meta itemprop=\"dateModified\" class=\"date updated\" content=\"2025-12-19T17:52:30+02:00\">\n\t\t<span class=\"hide\" itemprop=\"publisher\" itemscope itemtype=\"https:\/\/schema.org\/Organization\">\n\t\t\t<meta itemprop=\"name\" content=\"SocialistesdMca\">\n\t\t\t<span itemprop=\"logo\" itemscope itemtype=\"https:\/\/schema.org\/ImageObject\">\n\t\t\t\t<meta itemprop=\"url\" content=\"https:\/\/www.psib-psoe.org\/mallorca\/wp-content\/themes\/notio-wp\/assets\/img\/logo.png\">\n\t\t\t<\/span>\n\t\t\t<meta itemprop=\"url\" content=\"https:\/\/www.psib-psoe.org\/mallorca\/\">\n\t\t<\/span>\n\t\t\t\t<span class=\"hide\" itemprop=\"image\" itemscope itemtype=\"http:\/\/schema.org\/ImageObject\">\n\t\t\t<meta itemprop=\"url\" content=\"https:\/\/www.psib-psoe.org\/mallorca\/wp-content\/uploads\/Ple-fems-291025-1-edited.jpeg\">\n\t\t\t<meta itemprop=\"width\" content=\"1024\">\n\t\t\t<meta itemprop=\"height\" content=\"576\">\n\t\t<\/span>\n\t\t\t\t<meta itemscope itemprop=\"mainEntityOfPage\" itemtype=\"https:\/\/schema.org\/WebPage\" itemid=\"https:\/\/www.psib-psoe.org\/mallorca\/el-grup-municipal-socialista-de-llucmajor-presenta-una-mocio-de-reprovacio-per-exigir-la-dimissio-de-la-batlessa-i-la-regidora-durbanisme\/\">\n\t<\/aside>\n\t\t<\/article>\n<\/div>\n<div class=\"small-12 large-4 columns\">\n\t<article itemscope itemtype=\"http:\/\/schema.org\/Article\" class=\"post blog-style7 alt post-30773 type-post status-publish format-standard has-post-thumbnail hentry category-federacio-de-mallorca category-federacio-de-mallorca-portada category-municipis category-portada tag-amanda-fernandez tag-andreu-serra tag-ares-fernandez tag-bea-gamundi tag-biel-alomar tag-catalina-cladera tag-consell-de-mallorca tag-federacio-socialista-de-mallorca tag-jaume-mateu tag-joan-mendez-2 tag-juana-m-adrover tag-lluis-socias-2 tag-psib-psoe tag-sofia-alonso\" role=\"article\">\n\t\t<figure class=\"post-gallery\"><img loading=\"lazy\" decoding=\"async\" width=\"600\" height=\"400\" src=\"https:\/\/www.psib-psoe.org\/mallorca\/wp-content\/uploads\/Grup-ple-Marcial-281025-1-600x400.jpeg\" class=\"attachment-notio-general-x2 size-notio-general-x2 wp-post-image\" alt=\"\" srcset=\"https:\/\/www.psib-psoe.org\/mallorca\/wp-content\/uploads\/Grup-ple-Marcial-281025-1-600x400.jpeg 600w, https:\/\/www.psib-psoe.org\/mallorca\/wp-content\/uploads\/Grup-ple-Marcial-281025-1-300x200.jpeg 300w, https:\/\/www.psib-psoe.org\/mallorca\/wp-content\/uploads\/Grup-ple-Marcial-281025-1-900x600.jpeg 900w, https:\/\/www.psib-psoe.org\/mallorca\/wp-content\/uploads\/Grup-ple-Marcial-281025-1-20x13.jpeg 20w\" sizes=\"(max-width: 600px) 100vw, 600px\" \/><\/figure>\n\t\t<div class=\"blog-top\">\n\t\t\t<header class=\"post-title entry-header\">\n\t\t\t\t<aside class=\"post-meta cf\">\n\t\t19\/12\/2025 \/ <a href=\"https:\/\/www.psib-psoe.org\/mallorca\/category\/federacio-de-mallorca\/\" rel=\"category tag\">Federaci\u00f3 de Mallorca<\/a>, <a href=\"https:\/\/www.psib-psoe.org\/mallorca\/category\/federacio-de-mallorca-portada\/\" rel=\"category tag\">Federaci\u00f3 de Mallorca - Portada<\/a>, <a href=\"https:\/\/www.psib-psoe.org\/mallorca\/category\/municipis\/\" rel=\"category tag\">Municipis<\/a>, <a href=\"https:\/\/www.psib-psoe.org\/mallorca\/category\/portada\/\" rel=\"category tag\">Portada<\/a><\/aside>\n\t\t\t\t<h3 itemprop=\"headline\"><a href=\"https:\/\/www.psib-psoe.org\/mallorca\/el-grup-socialista-rebutja-la-rebaixa-de-proteccio-del-parc-agrari-de-palma-en-la-comissio-de-territori-i-urbanisme-del-consell-de-mallorca\/\" title=\"El Grup Socialista rebutja la rebaixa de protecci\u00f3 del Parc Agrari de Palma en la Comissi\u00f3 de Territori i Urbanisme del Consell de Mallorca.\">El Grup Socialista rebutja la rebaixa de protecci\u00f3 del Parc Agrari de Palma en la Comissi\u00f3 de Territori i Urbanisme del Consell de Mallorca.<\/a><\/h3>\n\t\t\t<\/header>\n\t\t<\/div>\n\t\t<div class=\"post-content\">\n\t\t\t<a href=\"https:\/\/www.psib-psoe.org\/mallorca\/el-grup-socialista-rebutja-la-rebaixa-de-proteccio-del-parc-agrari-de-palma-en-la-comissio-de-territori-i-urbanisme-del-consell-de-mallorca\/\" class=\"more-link\">Read More<\/a>\n\t\t<\/div>\n\t\t\t<aside class=\"post-bottom-meta hide\">\n\t\t<strong rel=\"author\" itemprop=\"author\" class=\"author vcard\"><span class=\"fn\">Albert<\/span><\/strong>\n\t\t<time class=\"date published time\" datetime=\"2025-12-19T17:15:30+02:00\" itemprop=\"datePublished\" content=\"2025-12-19T17:15:30+02:00\">19\/12\/2025<\/time>\n\t\t<meta itemprop=\"dateModified\" class=\"date updated\" content=\"2025-12-19T17:20:35+02:00\">\n\t\t<span class=\"hide\" itemprop=\"publisher\" itemscope itemtype=\"https:\/\/schema.org\/Organization\">\n\t\t\t<meta itemprop=\"name\" content=\"SocialistesdMca\">\n\t\t\t<span itemprop=\"logo\" itemscope itemtype=\"https:\/\/schema.org\/ImageObject\">\n\t\t\t\t<meta itemprop=\"url\" content=\"https:\/\/www.psib-psoe.org\/mallorca\/wp-content\/themes\/notio-wp\/assets\/img\/logo.png\">\n\t\t\t<\/span>\n\t\t\t<meta itemprop=\"url\" content=\"https:\/\/www.psib-psoe.org\/mallorca\/\">\n\t\t<\/span>\n\t\t\t\t<span class=\"hide\" itemprop=\"image\" itemscope itemtype=\"http:\/\/schema.org\/ImageObject\">\n\t\t\t<meta itemprop=\"url\" content=\"https:\/\/www.psib-psoe.org\/mallorca\/wp-content\/uploads\/Grup-ple-Marcial-281025-1.jpeg\">\n\t\t\t<meta itemprop=\"width\" content=\"1024\">\n\t\t\t<meta itemprop=\"height\" content=\"768\">\n\t\t<\/span>\n\t\t\t\t<meta itemscope itemprop=\"mainEntityOfPage\" itemtype=\"https:\/\/schema.org\/WebPage\" itemid=\"https:\/\/www.psib-psoe.org\/mallorca\/el-grup-socialista-rebutja-la-rebaixa-de-proteccio-del-parc-agrari-de-palma-en-la-comissio-de-territori-i-urbanisme-del-consell-de-mallorca\/\">\n\t<\/aside>\n\t\t<\/article>\n<\/div>\n<div class=\"small-12 large-4 columns\">\n\t<article itemscope itemtype=\"http:\/\/schema.org\/Article\" class=\"post blog-style7 alt post-30766 type-post status-publish format-standard has-post-thumbnail hentry category-federacio-de-mallorca category-federacio-de-mallorca-portada category-municipis category-portada tag-amanda-fernandez tag-andreu-serra tag-ares-fernandez tag-bea-gamundi tag-biel-alomar tag-catalina-cladera tag-consell-de-mallorca tag-federacio-socialista-de-mallorca tag-jaume-mateu tag-joan-mendez-2 tag-juana-m-adrover tag-lluis-socias-2 tag-psib-psoe tag-sofia-alonso\" role=\"article\">\n\t\t<figure class=\"post-gallery\"><img loading=\"lazy\" decoding=\"async\" width=\"600\" height=\"400\" src=\"https:\/\/www.psib-psoe.org\/mallorca\/wp-content\/uploads\/CAti-rdp-reclamacio-pressupost-edited-600x400.jpeg\" class=\"attachment-notio-general-x2 size-notio-general-x2 wp-post-image\" alt=\"\" srcset=\"https:\/\/www.psib-psoe.org\/mallorca\/wp-content\/uploads\/CAti-rdp-reclamacio-pressupost-edited-600x400.jpeg 600w, https:\/\/www.psib-psoe.org\/mallorca\/wp-content\/uploads\/CAti-rdp-reclamacio-pressupost-edited-300x200.jpeg 300w, https:\/\/www.psib-psoe.org\/mallorca\/wp-content\/uploads\/CAti-rdp-reclamacio-pressupost-edited-900x600.jpeg 900w, https:\/\/www.psib-psoe.org\/mallorca\/wp-content\/uploads\/CAti-rdp-reclamacio-pressupost-edited-20x13.jpeg 20w\" sizes=\"(max-width: 600px) 100vw, 600px\" \/><\/figure>\n\t\t<div class=\"blog-top\">\n\t\t\t<header class=\"post-title entry-header\">\n\t\t\t\t<aside class=\"post-meta cf\">\n\t\t17\/12\/2025 \/ <a href=\"https:\/\/www.psib-psoe.org\/mallorca\/category\/federacio-de-mallorca\/\" rel=\"category tag\">Federaci\u00f3 de Mallorca<\/a>, <a href=\"https:\/\/www.psib-psoe.org\/mallorca\/category\/federacio-de-mallorca-portada\/\" rel=\"category tag\">Federaci\u00f3 de Mallorca - Portada<\/a>, <a href=\"https:\/\/www.psib-psoe.org\/mallorca\/category\/municipis\/\" rel=\"category tag\">Municipis<\/a>, <a href=\"https:\/\/www.psib-psoe.org\/mallorca\/category\/portada\/\" rel=\"category tag\">Portada<\/a><\/aside>\n\t\t\t\t<h3 itemprop=\"headline\"><a href=\"https:\/\/www.psib-psoe.org\/mallorca\/el-grup-socialista-presenta-una-reclamacio-formal-contra-el-pressupost-2026-del-consell-de-mallorca-per-la-retallada-de-prohens-en-mes-de-50-milions-deuros\/\" title=\"El Grup Socialista presenta una reclamaci\u00f3 formal contra el Pressupost 2026 del Consell de Mallorca per la retallada de Prohens en m\u00e9s de 50 milions d\u2019euros.\">El Grup Socialista presenta una reclamaci\u00f3 formal contra el Pressupost 2026 del Consell de Mallorca per la retallada de Prohens en m\u00e9s de 50 milions d\u2019euros.<\/a><\/h3>\n\t\t\t<\/header>\n\t\t<\/div>\n\t\t<div class=\"post-content\">\n\t\t\t<a href=\"https:\/\/www.psib-psoe.org\/mallorca\/el-grup-socialista-presenta-una-reclamacio-formal-contra-el-pressupost-2026-del-consell-de-mallorca-per-la-retallada-de-prohens-en-mes-de-50-milions-deuros\/\" class=\"more-link\">Read More<\/a>\n\t\t<\/div>\n\t\t\t<aside class=\"post-bottom-meta hide\">\n\t\t<strong rel=\"author\" itemprop=\"author\" class=\"author vcard\"><span class=\"fn\">Albert<\/span><\/strong>\n\t\t<time class=\"date published time\" datetime=\"2025-12-17T13:50:47+02:00\" itemprop=\"datePublished\" content=\"2025-12-17T13:50:47+02:00\">17\/12\/2025<\/time>\n\t\t<meta itemprop=\"dateModified\" class=\"date updated\" content=\"2025-12-17T13:50:59+02:00\">\n\t\t<span class=\"hide\" itemprop=\"publisher\" itemscope itemtype=\"https:\/\/schema.org\/Organization\">\n\t\t\t<meta itemprop=\"name\" content=\"SocialistesdMca\">\n\t\t\t<span itemprop=\"logo\" itemscope itemtype=\"https:\/\/schema.org\/ImageObject\">\n\t\t\t\t<meta itemprop=\"url\" content=\"https:\/\/www.psib-psoe.org\/mallorca\/wp-content\/themes\/notio-wp\/assets\/img\/logo.png\">\n\t\t\t<\/span>\n\t\t\t<meta itemprop=\"url\" content=\"https:\/\/www.psib-psoe.org\/mallorca\/\">\n\t\t<\/span>\n\t\t\t\t<span class=\"hide\" itemprop=\"image\" itemscope itemtype=\"http:\/\/schema.org\/ImageObject\">\n\t\t\t<meta itemprop=\"url\" content=\"https:\/\/www.psib-psoe.org\/mallorca\/wp-content\/uploads\/CAti-rdp-reclamacio-pressupost-edited.jpeg\">\n\t\t\t<meta itemprop=\"width\" content=\"1600\">\n\t\t\t<meta itemprop=\"height\" content=\"900\">\n\t\t<\/span>\n\t\t\t\t<meta itemscope itemprop=\"mainEntityOfPage\" itemtype=\"https:\/\/schema.org\/WebPage\" itemid=\"https:\/\/www.psib-psoe.org\/mallorca\/el-grup-socialista-presenta-una-reclamacio-formal-contra-el-pressupost-2026-del-consell-de-mallorca-per-la-retallada-de-prohens-en-mes-de-50-milions-deuros\/\">\n\t<\/aside>\n\t\t<\/article>\n<\/div>\n<div class=\"small-12 large-4 columns\">\n\t<article itemscope itemtype=\"http:\/\/schema.org\/Article\" class=\"post blog-style7 alt post-30763 type-post status-publish format-standard has-post-thumbnail hentry category-federacio-de-mallorca category-federacio-de-mallorca-portada category-municipis category-portada\" role=\"article\">\n\t\t<figure class=\"post-gallery\"><img loading=\"lazy\" decoding=\"async\" width=\"600\" height=\"400\" src=\"https:\/\/www.psib-psoe.org\/mallorca\/wp-content\/uploads\/WhatsApp-Image-2025-12-16-at-13.02.55-600x400.jpeg\" class=\"attachment-notio-general-x2 size-notio-general-x2 wp-post-image\" alt=\"\" srcset=\"https:\/\/www.psib-psoe.org\/mallorca\/wp-content\/uploads\/WhatsApp-Image-2025-12-16-at-13.02.55-600x400.jpeg 600w, https:\/\/www.psib-psoe.org\/mallorca\/wp-content\/uploads\/WhatsApp-Image-2025-12-16-at-13.02.55-300x200.jpeg 300w, https:\/\/www.psib-psoe.org\/mallorca\/wp-content\/uploads\/WhatsApp-Image-2025-12-16-at-13.02.55-900x600.jpeg 900w, https:\/\/www.psib-psoe.org\/mallorca\/wp-content\/uploads\/WhatsApp-Image-2025-12-16-at-13.02.55-20x13.jpeg 20w\" sizes=\"(max-width: 600px) 100vw, 600px\" \/><\/figure>\n\t\t<div class=\"blog-top\">\n\t\t\t<header class=\"post-title entry-header\">\n\t\t\t\t<aside class=\"post-meta cf\">\n\t\t16\/12\/2025 \/ <a href=\"https:\/\/www.psib-psoe.org\/mallorca\/category\/federacio-de-mallorca\/\" rel=\"category tag\">Federaci\u00f3 de Mallorca<\/a>, <a href=\"https:\/\/www.psib-psoe.org\/mallorca\/category\/federacio-de-mallorca-portada\/\" rel=\"category tag\">Federaci\u00f3 de Mallorca - Portada<\/a>, <a href=\"https:\/\/www.psib-psoe.org\/mallorca\/category\/municipis\/\" rel=\"category tag\">Municipis<\/a>, <a href=\"https:\/\/www.psib-psoe.org\/mallorca\/category\/portada\/\" rel=\"category tag\">Portada<\/a><\/aside>\n\t\t\t\t<h3 itemprop=\"headline\"><a href=\"https:\/\/www.psib-psoe.org\/mallorca\/la-reforma-del-defensora-i-la-prioritzacio-de-la-cultura-a-lajuntament-principals-propostes-dels-experts-recollides-pels-socialistes-per-al-2027\/\" title=\"La reforma del Defensora i la prioritzaci\u00f3 de la cultura a l\u2019Ajuntament, principals propostes dels experts recollides pels socialistes per al 2027\">La reforma del Defensora i la prioritzaci\u00f3 de la cultura a l\u2019Ajuntament, principals propostes dels experts recollides pels socialistes per al 2027<\/a><\/h3>\n\t\t\t<\/header>\n\t\t<\/div>\n\t\t<div class=\"post-content\">\n\t\t\t<a href=\"https:\/\/www.psib-psoe.org\/mallorca\/la-reforma-del-defensora-i-la-prioritzacio-de-la-cultura-a-lajuntament-principals-propostes-dels-experts-recollides-pels-socialistes-per-al-2027\/\" class=\"more-link\">Read More<\/a>\n\t\t<\/div>\n\t\t\t<aside class=\"post-bottom-meta hide\">\n\t\t<strong rel=\"author\" itemprop=\"author\" class=\"author vcard\"><span class=\"fn\">Marc<\/span><\/strong>\n\t\t<time class=\"date published time\" datetime=\"2025-12-16T14:09:52+02:00\" itemprop=\"datePublished\" content=\"2025-12-16T14:09:52+02:00\">16\/12\/2025<\/time>\n\t\t<meta itemprop=\"dateModified\" class=\"date updated\" content=\"2025-12-16T14:10:04+02:00\">\n\t\t<span class=\"hide\" itemprop=\"publisher\" itemscope itemtype=\"https:\/\/schema.org\/Organization\">\n\t\t\t<meta itemprop=\"name\" content=\"SocialistesdMca\">\n\t\t\t<span itemprop=\"logo\" itemscope itemtype=\"https:\/\/schema.org\/ImageObject\">\n\t\t\t\t<meta itemprop=\"url\" content=\"https:\/\/www.psib-psoe.org\/mallorca\/wp-content\/themes\/notio-wp\/assets\/img\/logo.png\">\n\t\t\t<\/span>\n\t\t\t<meta itemprop=\"url\" content=\"https:\/\/www.psib-psoe.org\/mallorca\/\">\n\t\t<\/span>\n\t\t\t\t<span class=\"hide\" itemprop=\"image\" itemscope itemtype=\"http:\/\/schema.org\/ImageObject\">\n\t\t\t<meta itemprop=\"url\" content=\"https:\/\/www.psib-psoe.org\/mallorca\/wp-content\/uploads\/WhatsApp-Image-2025-12-16-at-13.02.55.jpeg\">\n\t\t\t<meta itemprop=\"width\" content=\"2040\">\n\t\t\t<meta itemprop=\"height\" content=\"1530\">\n\t\t<\/span>\n\t\t\t\t<meta itemscope itemprop=\"mainEntityOfPage\" itemtype=\"https:\/\/schema.org\/WebPage\" itemid=\"https:\/\/www.psib-psoe.org\/mallorca\/la-reforma-del-defensora-i-la-prioritzacio-de-la-cultura-a-lajuntament-principals-propostes-dels-experts-recollides-pels-socialistes-per-al-2027\/\">\n\t<\/aside>\n\t\t<\/article>\n<\/div>\n<div class=\"small-12 large-4 columns\">\n\t<article itemscope itemtype=\"http:\/\/schema.org\/Article\" class=\"post blog-style7 alt post-30759 type-post status-publish format-standard has-post-thumbnail hentry category-federacio-de-mallorca category-federacio-de-mallorca-portada category-municipis category-portada tag-amanda-fernandez tag-andreu-serra tag-ares-fernandez tag-bea-gamundi tag-biel-alomar tag-catalina-cladera tag-consell-de-mallorca tag-federacio-socialista-de-mallorca tag-jaume-mateu tag-joan-mendez-2 tag-juana-m-adrover tag-lluis-socias-2 tag-psib-psoe tag-sofia-alonso\" role=\"article\">\n\t\t<figure class=\"post-gallery\"><img loading=\"lazy\" decoding=\"async\" width=\"600\" height=\"400\" src=\"https:\/\/www.psib-psoe.org\/mallorca\/wp-content\/uploads\/Sofia-2-600x400.jpeg\" class=\"attachment-notio-general-x2 size-notio-general-x2 wp-post-image\" alt=\"\" srcset=\"https:\/\/www.psib-psoe.org\/mallorca\/wp-content\/uploads\/Sofia-2-600x400.jpeg 600w, https:\/\/www.psib-psoe.org\/mallorca\/wp-content\/uploads\/Sofia-2-300x200.jpeg 300w, https:\/\/www.psib-psoe.org\/mallorca\/wp-content\/uploads\/Sofia-2-900x600.jpeg 900w, https:\/\/www.psib-psoe.org\/mallorca\/wp-content\/uploads\/Sofia-2-20x13.jpeg 20w\" sizes=\"(max-width: 600px) 100vw, 600px\" \/><\/figure>\n\t\t<div class=\"blog-top\">\n\t\t\t<header class=\"post-title entry-header\">\n\t\t\t\t<aside class=\"post-meta cf\">\n\t\t16\/12\/2025 \/ <a href=\"https:\/\/www.psib-psoe.org\/mallorca\/category\/federacio-de-mallorca\/\" rel=\"category tag\">Federaci\u00f3 de Mallorca<\/a>, <a href=\"https:\/\/www.psib-psoe.org\/mallorca\/category\/federacio-de-mallorca-portada\/\" rel=\"category tag\">Federaci\u00f3 de Mallorca - Portada<\/a>, <a href=\"https:\/\/www.psib-psoe.org\/mallorca\/category\/municipis\/\" rel=\"category tag\">Municipis<\/a>, <a href=\"https:\/\/www.psib-psoe.org\/mallorca\/category\/portada\/\" rel=\"category tag\">Portada<\/a><\/aside>\n\t\t\t\t<h3 itemprop=\"headline\"><a href=\"https:\/\/www.psib-psoe.org\/mallorca\/el-psib-psoe-critica-lus-propagandistic-de-la-visita-de-galmes-a-la-residencia-de-son-caulelles\/\" title=\"El PSIB-PSOE critica l\u2019\u00fas propagand\u00edstic de la visita de Galm\u00e9s a la Resid\u00e8ncia de Son Caulelles.\">El PSIB-PSOE critica l\u2019\u00fas propagand\u00edstic de la visita de Galm\u00e9s a la Resid\u00e8ncia de Son Caulelles.<\/a><\/h3>\n\t\t\t<\/header>\n\t\t<\/div>\n\t\t<div class=\"post-content\">\n\t\t\t<a href=\"https:\/\/www.psib-psoe.org\/mallorca\/el-psib-psoe-critica-lus-propagandistic-de-la-visita-de-galmes-a-la-residencia-de-son-caulelles\/\" class=\"more-link\">Read More<\/a>\n\t\t<\/div>\n\t\t\t<aside class=\"post-bottom-meta hide\">\n\t\t<strong rel=\"author\" itemprop=\"author\" class=\"author vcard\"><span class=\"fn\">Albert<\/span><\/strong>\n\t\t<time class=\"date published time\" datetime=\"2025-12-16T13:39:26+02:00\" itemprop=\"datePublished\" content=\"2025-12-16T13:39:26+02:00\">16\/12\/2025<\/time>\n\t\t<meta itemprop=\"dateModified\" class=\"date updated\" content=\"2025-12-16T13:39:37+02:00\">\n\t\t<span class=\"hide\" itemprop=\"publisher\" itemscope itemtype=\"https:\/\/schema.org\/Organization\">\n\t\t\t<meta itemprop=\"name\" content=\"SocialistesdMca\">\n\t\t\t<span itemprop=\"logo\" itemscope itemtype=\"https:\/\/schema.org\/ImageObject\">\n\t\t\t\t<meta itemprop=\"url\" content=\"https:\/\/www.psib-psoe.org\/mallorca\/wp-content\/themes\/notio-wp\/assets\/img\/logo.png\">\n\t\t\t<\/span>\n\t\t\t<meta itemprop=\"url\" content=\"https:\/\/www.psib-psoe.org\/mallorca\/\">\n\t\t<\/span>\n\t\t\t\t<span class=\"hide\" itemprop=\"image\" itemscope itemtype=\"http:\/\/schema.org\/ImageObject\">\n\t\t\t<meta itemprop=\"url\" content=\"https:\/\/www.psib-psoe.org\/mallorca\/wp-content\/uploads\/Sofia-2.jpeg\">\n\t\t\t<meta itemprop=\"width\" content=\"2560\">\n\t\t\t<meta itemprop=\"height\" content=\"1920\">\n\t\t<\/span>\n\t\t\t\t<meta itemscope itemprop=\"mainEntityOfPage\" itemtype=\"https:\/\/schema.org\/WebPage\" itemid=\"https:\/\/www.psib-psoe.org\/mallorca\/el-psib-psoe-critica-lus-propagandistic-de-la-visita-de-galmes-a-la-residencia-de-son-caulelles\/\">\n\t<\/aside>\n\t\t<\/article>\n<\/div>\n<div class=\"small-12 large-4 columns\">\n\t<article itemscope itemtype=\"http:\/\/schema.org\/Article\" class=\"post blog-style7 alt post-30755 type-post status-publish format-standard has-post-thumbnail hentry category-federacio-de-mallorca category-federacio-de-mallorca-portada category-municipis category-portada tag-amanda-fernandez tag-andreu-serra tag-ares-fernandez tag-bea-gamundi tag-biel-alomar tag-catalina-cladera tag-consell-de-mallorca tag-federacio-socialista-de-mallorca tag-jaume-mateu tag-joan-mendez-2 tag-juana-m-adrover tag-lluis-socias-2 tag-psib-psoe tag-sofia-alonso\" role=\"article\">\n\t\t<figure class=\"post-gallery\"><img loading=\"lazy\" decoding=\"async\" width=\"600\" height=\"400\" src=\"https:\/\/www.psib-psoe.org\/mallorca\/wp-content\/uploads\/Ple-111225-600x400.jpeg\" class=\"attachment-notio-general-x2 size-notio-general-x2 wp-post-image\" alt=\"\" srcset=\"https:\/\/www.psib-psoe.org\/mallorca\/wp-content\/uploads\/Ple-111225-600x400.jpeg 600w, https:\/\/www.psib-psoe.org\/mallorca\/wp-content\/uploads\/Ple-111225-300x200.jpeg 300w, https:\/\/www.psib-psoe.org\/mallorca\/wp-content\/uploads\/Ple-111225-900x600.jpeg 900w, https:\/\/www.psib-psoe.org\/mallorca\/wp-content\/uploads\/Ple-111225-20x13.jpeg 20w\" sizes=\"(max-width: 600px) 100vw, 600px\" \/><\/figure>\n\t\t<div class=\"blog-top\">\n\t\t\t<header class=\"post-title entry-header\">\n\t\t\t\t<aside class=\"post-meta cf\">\n\t\t15\/12\/2025 \/ <a href=\"https:\/\/www.psib-psoe.org\/mallorca\/category\/federacio-de-mallorca\/\" rel=\"category tag\">Federaci\u00f3 de Mallorca<\/a>, <a href=\"https:\/\/www.psib-psoe.org\/mallorca\/category\/federacio-de-mallorca-portada\/\" rel=\"category tag\">Federaci\u00f3 de Mallorca - Portada<\/a>, <a href=\"https:\/\/www.psib-psoe.org\/mallorca\/category\/municipis\/\" rel=\"category tag\">Municipis<\/a>, <a href=\"https:\/\/www.psib-psoe.org\/mallorca\/category\/portada\/\" rel=\"category tag\">Portada<\/a><\/aside>\n\t\t\t\t<h3 itemprop=\"headline\"><a href=\"https:\/\/www.psib-psoe.org\/mallorca\/el-grup-socialista-demana-el-cost-real-del-desplacament-de-galmes-i-el-seu-seguici-a-california\/\" title=\"El Grup Socialista demana el cost real del despla\u00e7ament de Galm\u00e9s i el seu seguici a Calif\u00f2rnia.\">El Grup Socialista demana el cost real del despla\u00e7ament de Galm\u00e9s i el seu seguici a Calif\u00f2rnia.<\/a><\/h3>\n\t\t\t<\/header>\n\t\t<\/div>\n\t\t<div class=\"post-content\">\n\t\t\t<a href=\"https:\/\/www.psib-psoe.org\/mallorca\/el-grup-socialista-demana-el-cost-real-del-desplacament-de-galmes-i-el-seu-seguici-a-california\/\" class=\"more-link\">Read More<\/a>\n\t\t<\/div>\n\t\t\t<aside class=\"post-bottom-meta hide\">\n\t\t<strong rel=\"author\" itemprop=\"author\" class=\"author vcard\"><span class=\"fn\">Albert<\/span><\/strong>\n\t\t<time class=\"date published time\" datetime=\"2025-12-15T11:27:02+02:00\" itemprop=\"datePublished\" content=\"2025-12-15T11:27:02+02:00\">15\/12\/2025<\/time>\n\t\t<meta itemprop=\"dateModified\" class=\"date updated\" content=\"2025-12-15T14:47:34+02:00\">\n\t\t<span class=\"hide\" itemprop=\"publisher\" itemscope itemtype=\"https:\/\/schema.org\/Organization\">\n\t\t\t<meta itemprop=\"name\" content=\"SocialistesdMca\">\n\t\t\t<span itemprop=\"logo\" itemscope itemtype=\"https:\/\/schema.org\/ImageObject\">\n\t\t\t\t<meta itemprop=\"url\" content=\"https:\/\/www.psib-psoe.org\/mallorca\/wp-content\/themes\/notio-wp\/assets\/img\/logo.png\">\n\t\t\t<\/span>\n\t\t\t<meta itemprop=\"url\" content=\"https:\/\/www.psib-psoe.org\/mallorca\/\">\n\t\t<\/span>\n\t\t\t\t<span class=\"hide\" itemprop=\"image\" itemscope itemtype=\"http:\/\/schema.org\/ImageObject\">\n\t\t\t<meta itemprop=\"url\" content=\"https:\/\/www.psib-psoe.org\/mallorca\/wp-content\/uploads\/Ple-111225.jpeg\">\n\t\t\t<meta itemprop=\"width\" content=\"1600\">\n\t\t\t<meta itemprop=\"height\" content=\"1200\">\n\t\t<\/span>\n\t\t\t\t<meta itemscope itemprop=\"mainEntityOfPage\" itemtype=\"https:\/\/schema.org\/WebPage\" itemid=\"https:\/\/www.psib-psoe.org\/mallorca\/el-grup-socialista-demana-el-cost-real-del-desplacament-de-galmes-i-el-seu-seguici-a-california\/\">\n\t<\/aside>\n\t\t<\/article>\n<\/div>\n<div class=\"small-12 large-4 columns\">\n\t<article itemscope itemtype=\"http:\/\/schema.org\/Article\" class=\"post blog-style7 alt post-30747 type-post status-publish format-standard has-post-thumbnail hentry category-federacio-de-mallorca category-federacio-de-mallorca-portada category-municipis category-portada tag-amanda-fernandez tag-andreu-serra tag-ares-fernandez tag-bea-gamundi tag-biel-alomar tag-catalina-cladera tag-consell-de-mallorca tag-federacio-socialista-de-mallorca tag-jaume-mateu tag-joan-mendez-2 tag-juana-m-adrover tag-lluis-socias-2 tag-psib-psoe tag-sofia-alonso\" role=\"article\">\n\t\t<figure class=\"post-gallery\"><img loading=\"lazy\" decoding=\"async\" width=\"600\" height=\"400\" src=\"https:\/\/www.psib-psoe.org\/mallorca\/wp-content\/uploads\/Ple-111225-600x400.jpeg\" class=\"attachment-notio-general-x2 size-notio-general-x2 wp-post-image\" alt=\"\" srcset=\"https:\/\/www.psib-psoe.org\/mallorca\/wp-content\/uploads\/Ple-111225-600x400.jpeg 600w, https:\/\/www.psib-psoe.org\/mallorca\/wp-content\/uploads\/Ple-111225-300x200.jpeg 300w, https:\/\/www.psib-psoe.org\/mallorca\/wp-content\/uploads\/Ple-111225-900x600.jpeg 900w, https:\/\/www.psib-psoe.org\/mallorca\/wp-content\/uploads\/Ple-111225-20x13.jpeg 20w\" sizes=\"(max-width: 600px) 100vw, 600px\" \/><\/figure>\n\t\t<div class=\"blog-top\">\n\t\t\t<header class=\"post-title entry-header\">\n\t\t\t\t<aside class=\"post-meta cf\">\n\t\t11\/12\/2025 \/ <a href=\"https:\/\/www.psib-psoe.org\/mallorca\/category\/federacio-de-mallorca\/\" rel=\"category tag\">Federaci\u00f3 de Mallorca<\/a>, <a href=\"https:\/\/www.psib-psoe.org\/mallorca\/category\/federacio-de-mallorca-portada\/\" rel=\"category tag\">Federaci\u00f3 de Mallorca - Portada<\/a>, <a href=\"https:\/\/www.psib-psoe.org\/mallorca\/category\/municipis\/\" rel=\"category tag\">Municipis<\/a>, <a href=\"https:\/\/www.psib-psoe.org\/mallorca\/category\/portada\/\" rel=\"category tag\">Portada<\/a><\/aside>\n\t\t\t\t<h3 itemprop=\"headline\"><a href=\"https:\/\/www.psib-psoe.org\/mallorca\/el-grup-socialista-impulsa-la-llei-de-mobilitat-sostenible-amb-una-mocio-al-ple-que-reforca-la-tramitacio-al-consell-i-al-parlament\/\" title=\"El Grup Socialista impulsa la Llei de Mobilitat Sostenible amb una moci\u00f3 al ple que refor\u00e7a la tramitaci\u00f3 al Consell i al Parlament.\">El Grup Socialista impulsa la Llei de Mobilitat Sostenible amb una moci\u00f3 al ple que refor\u00e7a la tramitaci\u00f3 al Consell i al Parlament.<\/a><\/h3>\n\t\t\t<\/header>\n\t\t<\/div>\n\t\t<div class=\"post-content\">\n\t\t\t<a href=\"https:\/\/www.psib-psoe.org\/mallorca\/el-grup-socialista-impulsa-la-llei-de-mobilitat-sostenible-amb-una-mocio-al-ple-que-reforca-la-tramitacio-al-consell-i-al-parlament\/\" class=\"more-link\">Read More<\/a>\n\t\t<\/div>\n\t\t\t<aside class=\"post-bottom-meta hide\">\n\t\t<strong rel=\"author\" itemprop=\"author\" class=\"author vcard\"><span class=\"fn\">Albert<\/span><\/strong>\n\t\t<time class=\"date published time\" datetime=\"2025-12-11T18:23:05+02:00\" itemprop=\"datePublished\" content=\"2025-12-11T18:23:05+02:00\">11\/12\/2025<\/time>\n\t\t<meta itemprop=\"dateModified\" class=\"date updated\" content=\"2025-12-11T18:23:16+02:00\">\n\t\t<span class=\"hide\" itemprop=\"publisher\" itemscope itemtype=\"https:\/\/schema.org\/Organization\">\n\t\t\t<meta itemprop=\"name\" content=\"SocialistesdMca\">\n\t\t\t<span itemprop=\"logo\" itemscope itemtype=\"https:\/\/schema.org\/ImageObject\">\n\t\t\t\t<meta itemprop=\"url\" content=\"https:\/\/www.psib-psoe.org\/mallorca\/wp-content\/themes\/notio-wp\/assets\/img\/logo.png\">\n\t\t\t<\/span>\n\t\t\t<meta itemprop=\"url\" content=\"https:\/\/www.psib-psoe.org\/mallorca\/\">\n\t\t<\/span>\n\t\t\t\t<span class=\"hide\" itemprop=\"image\" itemscope itemtype=\"http:\/\/schema.org\/ImageObject\">\n\t\t\t<meta itemprop=\"url\" content=\"https:\/\/www.psib-psoe.org\/mallorca\/wp-content\/uploads\/Ple-111225.jpeg\">\n\t\t\t<meta itemprop=\"width\" content=\"1600\">\n\t\t\t<meta itemprop=\"height\" content=\"1200\">\n\t\t<\/span>\n\t\t\t\t<meta itemscope itemprop=\"mainEntityOfPage\" itemtype=\"https:\/\/schema.org\/WebPage\" itemid=\"https:\/\/www.psib-psoe.org\/mallorca\/el-grup-socialista-impulsa-la-llei-de-mobilitat-sostenible-amb-una-mocio-al-ple-que-reforca-la-tramitacio-al-consell-i-al-parlament\/\">\n\t<\/aside>\n\t\t<\/article>\n<\/div>\n<div class=\"small-12 large-4 columns\">\n\t<article itemscope itemtype=\"http:\/\/schema.org\/Article\" class=\"post blog-style7 alt post-30743 type-post status-publish format-standard has-post-thumbnail hentry category-federacio-de-mallorca category-federacio-de-mallorca-portada category-municipis category-portada tag-amanda-fernandez tag-andreu-serra tag-ares-fernandez tag-bea-gamundi tag-biel-alomar tag-catalina-cladera tag-consell-de-mallorca tag-federacio-socialista-de-mallorca tag-jaume-mateu tag-joan-mendez-2 tag-juana-m-adrover tag-lluis-socias-2 tag-psib-psoe tag-sofia-alonso\" role=\"article\">\n\t\t<figure class=\"post-gallery\"><img loading=\"lazy\" decoding=\"async\" width=\"600\" height=\"400\" src=\"https:\/\/www.psib-psoe.org\/mallorca\/wp-content\/uploads\/Lectura-2-edited-600x400.jpeg\" class=\"attachment-notio-general-x2 size-notio-general-x2 wp-post-image\" alt=\"\" srcset=\"https:\/\/www.psib-psoe.org\/mallorca\/wp-content\/uploads\/Lectura-2-edited-600x400.jpeg 600w, https:\/\/www.psib-psoe.org\/mallorca\/wp-content\/uploads\/Lectura-2-edited-300x200.jpeg 300w, https:\/\/www.psib-psoe.org\/mallorca\/wp-content\/uploads\/Lectura-2-edited-900x600.jpeg 900w, https:\/\/www.psib-psoe.org\/mallorca\/wp-content\/uploads\/Lectura-2-edited-20x13.jpeg 20w\" sizes=\"(max-width: 600px) 100vw, 600px\" \/><\/figure>\n\t\t<div class=\"blog-top\">\n\t\t\t<header class=\"post-title entry-header\">\n\t\t\t\t<aside class=\"post-meta cf\">\n\t\t11\/12\/2025 \/ <a href=\"https:\/\/www.psib-psoe.org\/mallorca\/category\/federacio-de-mallorca\/\" rel=\"category tag\">Federaci\u00f3 de Mallorca<\/a>, <a href=\"https:\/\/www.psib-psoe.org\/mallorca\/category\/federacio-de-mallorca-portada\/\" rel=\"category tag\">Federaci\u00f3 de Mallorca - Portada<\/a>, <a href=\"https:\/\/www.psib-psoe.org\/mallorca\/category\/municipis\/\" rel=\"category tag\">Municipis<\/a>, <a href=\"https:\/\/www.psib-psoe.org\/mallorca\/category\/portada\/\" rel=\"category tag\">Portada<\/a><\/aside>\n\t\t\t\t<h3 itemprop=\"headline\"><a href=\"https:\/\/www.psib-psoe.org\/mallorca\/els-grups-de-consellers-de-el-pi-mes-per-mallorca-psib-psoe-i-del-partit-popular-de-mallorca-reafirmen-el-seu-compromis-amb-els-drets-humans-en-la-celebracio-del-dia-internacional\/\" title=\"Els Grups de Consellers de El Pi, Mes per Mallorca, PSIB-PSOE i del Partit Popular de Mallorca reafirmen el seu comprom\u00eds amb els Drets Humans en la celebraci\u00f3 del Dia Internacional.\">Els Grups de Consellers de El Pi, Mes per Mallorca, PSIB-PSOE i del Partit Popular de Mallorca reafirmen el seu comprom\u00eds amb els Drets Humans en la celebraci\u00f3 del Dia Internacional.<\/a><\/h3>\n\t\t\t<\/header>\n\t\t<\/div>\n\t\t<div class=\"post-content\">\n\t\t\t<a href=\"https:\/\/www.psib-psoe.org\/mallorca\/els-grups-de-consellers-de-el-pi-mes-per-mallorca-psib-psoe-i-del-partit-popular-de-mallorca-reafirmen-el-seu-compromis-amb-els-drets-humans-en-la-celebracio-del-dia-internacional\/\" class=\"more-link\">Read More<\/a>\n\t\t<\/div>\n\t\t\t<aside class=\"post-bottom-meta hide\">\n\t\t<strong rel=\"author\" itemprop=\"author\" class=\"author vcard\"><span class=\"fn\">Albert<\/span><\/strong>\n\t\t<time class=\"date published time\" datetime=\"2025-12-11T11:23:13+02:00\" itemprop=\"datePublished\" content=\"2025-12-11T11:23:13+02:00\">11\/12\/2025<\/time>\n\t\t<meta itemprop=\"dateModified\" class=\"date updated\" content=\"2025-12-11T11:23:23+02:00\">\n\t\t<span class=\"hide\" itemprop=\"publisher\" itemscope itemtype=\"https:\/\/schema.org\/Organization\">\n\t\t\t<meta itemprop=\"name\" content=\"SocialistesdMca\">\n\t\t\t<span itemprop=\"logo\" itemscope itemtype=\"https:\/\/schema.org\/ImageObject\">\n\t\t\t\t<meta itemprop=\"url\" content=\"https:\/\/www.psib-psoe.org\/mallorca\/wp-content\/themes\/notio-wp\/assets\/img\/logo.png\">\n\t\t\t<\/span>\n\t\t\t<meta itemprop=\"url\" content=\"https:\/\/www.psib-psoe.org\/mallorca\/\">\n\t\t<\/span>\n\t\t\t\t<span class=\"hide\" itemprop=\"image\" itemscope itemtype=\"http:\/\/schema.org\/ImageObject\">\n\t\t\t<meta itemprop=\"url\" content=\"https:\/\/www.psib-psoe.org\/mallorca\/wp-content\/uploads\/Lectura-2-edited.jpeg\">\n\t\t\t<meta itemprop=\"width\" content=\"1600\">\n\t\t\t<meta itemprop=\"height\" content=\"900\">\n\t\t<\/span>\n\t\t\t\t<meta itemscope itemprop=\"mainEntityOfPage\" itemtype=\"https:\/\/schema.org\/WebPage\" itemid=\"https:\/\/www.psib-psoe.org\/mallorca\/els-grups-de-consellers-de-el-pi-mes-per-mallorca-psib-psoe-i-del-partit-popular-de-mallorca-reafirmen-el-seu-compromis-amb-els-drets-humans-en-la-celebracio-del-dia-internacional\/\">\n\t<\/aside>\n\t\t<\/article>\n<\/div>\n<div class=\"small-12 large-4 columns\">\n\t<article itemscope itemtype=\"http:\/\/schema.org\/Article\" class=\"post blog-style7 alt post-30741 type-post status-publish format-standard has-post-thumbnail hentry category-federacio-de-mallorca category-federacio-de-mallorca-portada category-municipis category-portada tag-amanda-fernandez tag-andreu-serra tag-ares-fernandez tag-bea-gamundi tag-biel-alomar tag-catalina-cladera tag-consell-de-mallorca tag-federacio-socialista-de-mallorca tag-jaume-mateu tag-joan-mendez-2 tag-juana-m-adrover tag-lluis-socias-2 tag-psib-psoe tag-sofia-alonso\" role=\"article\">\n\t\t<figure class=\"post-gallery\"><img loading=\"lazy\" decoding=\"async\" width=\"600\" height=\"400\" src=\"https:\/\/www.psib-psoe.org\/mallorca\/wp-content\/uploads\/Cladera-pressupostos-141125-600x400.jpeg\" class=\"attachment-notio-general-x2 size-notio-general-x2 wp-post-image\" alt=\"\" srcset=\"https:\/\/www.psib-psoe.org\/mallorca\/wp-content\/uploads\/Cladera-pressupostos-141125-600x400.jpeg 600w, https:\/\/www.psib-psoe.org\/mallorca\/wp-content\/uploads\/Cladera-pressupostos-141125-300x200.jpeg 300w, https:\/\/www.psib-psoe.org\/mallorca\/wp-content\/uploads\/Cladera-pressupostos-141125-1024x682.jpeg 1024w, https:\/\/www.psib-psoe.org\/mallorca\/wp-content\/uploads\/Cladera-pressupostos-141125-768x512.jpeg 768w, https:\/\/www.psib-psoe.org\/mallorca\/wp-content\/uploads\/Cladera-pressupostos-141125-1536x1023.jpeg 1536w, https:\/\/www.psib-psoe.org\/mallorca\/wp-content\/uploads\/Cladera-pressupostos-141125-150x100.jpeg 150w, https:\/\/www.psib-psoe.org\/mallorca\/wp-content\/uploads\/Cladera-pressupostos-141125-900x600.jpeg 900w, https:\/\/www.psib-psoe.org\/mallorca\/wp-content\/uploads\/Cladera-pressupostos-141125-20x13.jpeg 20w, https:\/\/www.psib-psoe.org\/mallorca\/wp-content\/uploads\/Cladera-pressupostos-141125.jpeg 1600w\" sizes=\"(max-width: 600px) 100vw, 600px\" \/><\/figure>\n\t\t<div class=\"blog-top\">\n\t\t\t<header class=\"post-title entry-header\">\n\t\t\t\t<aside class=\"post-meta cf\">\n\t\t10\/12\/2025 \/ <a href=\"https:\/\/www.psib-psoe.org\/mallorca\/category\/federacio-de-mallorca\/\" rel=\"category tag\">Federaci\u00f3 de Mallorca<\/a>, <a href=\"https:\/\/www.psib-psoe.org\/mallorca\/category\/federacio-de-mallorca-portada\/\" rel=\"category tag\">Federaci\u00f3 de Mallorca - Portada<\/a>, <a href=\"https:\/\/www.psib-psoe.org\/mallorca\/category\/municipis\/\" rel=\"category tag\">Municipis<\/a>, <a href=\"https:\/\/www.psib-psoe.org\/mallorca\/category\/portada\/\" rel=\"category tag\">Portada<\/a><\/aside>\n\t\t\t\t<h3 itemprop=\"headline\"><a href=\"https:\/\/www.psib-psoe.org\/mallorca\/el-grup-socialista-manifesta-el-seu-escepticisme-davant-les-xifres-dactuacions-sobre-loferta-turistica-illegal-que-ha-ofert-el-consell-de-mallorca\/\" title=\"El Grup Socialista manifesta el seu \u201cescepticisme\u201d davant les xifres d\u2019actuacions sobre l\u2019oferta tur\u00edstica il\u00b7legal que ha ofert el Consell de Mallorca.\">El Grup Socialista manifesta el seu \u201cescepticisme\u201d davant les xifres d\u2019actuacions sobre l\u2019oferta tur\u00edstica il\u00b7legal que ha ofert el Consell de Mallorca.<\/a><\/h3>\n\t\t\t<\/header>\n\t\t<\/div>\n\t\t<div class=\"post-content\">\n\t\t\t<a href=\"https:\/\/www.psib-psoe.org\/mallorca\/el-grup-socialista-manifesta-el-seu-escepticisme-davant-les-xifres-dactuacions-sobre-loferta-turistica-illegal-que-ha-ofert-el-consell-de-mallorca\/\" class=\"more-link\">Read More<\/a>\n\t\t<\/div>\n\t\t\t<aside class=\"post-bottom-meta hide\">\n\t\t<strong rel=\"author\" itemprop=\"author\" class=\"author vcard\"><span class=\"fn\">Albert<\/span><\/strong>\n\t\t<time class=\"date published time\" datetime=\"2025-12-10T17:04:32+02:00\" itemprop=\"datePublished\" content=\"2025-12-10T17:04:32+02:00\">10\/12\/2025<\/time>\n\t\t<meta itemprop=\"dateModified\" class=\"date updated\" content=\"2025-12-10T17:04:45+02:00\">\n\t\t<span class=\"hide\" itemprop=\"publisher\" itemscope itemtype=\"https:\/\/schema.org\/Organization\">\n\t\t\t<meta itemprop=\"name\" content=\"SocialistesdMca\">\n\t\t\t<span itemprop=\"logo\" itemscope itemtype=\"https:\/\/schema.org\/ImageObject\">\n\t\t\t\t<meta itemprop=\"url\" content=\"https:\/\/www.psib-psoe.org\/mallorca\/wp-content\/themes\/notio-wp\/assets\/img\/logo.png\">\n\t\t\t<\/span>\n\t\t\t<meta itemprop=\"url\" content=\"https:\/\/www.psib-psoe.org\/mallorca\/\">\n\t\t<\/span>\n\t\t\t\t<span class=\"hide\" itemprop=\"image\" itemscope itemtype=\"http:\/\/schema.org\/ImageObject\">\n\t\t\t<meta itemprop=\"url\" content=\"https:\/\/www.psib-psoe.org\/mallorca\/wp-content\/uploads\/Cladera-pressupostos-141125.jpeg\">\n\t\t\t<meta itemprop=\"width\" content=\"1600\">\n\t\t\t<meta itemprop=\"height\" content=\"1066\">\n\t\t<\/span>\n\t\t\t\t<meta itemscope itemprop=\"mainEntityOfPage\" itemtype=\"https:\/\/schema.org\/WebPage\" itemid=\"https:\/\/www.psib-psoe.org\/mallorca\/el-grup-socialista-manifesta-el-seu-escepticisme-davant-les-xifres-dactuacions-sobre-loferta-turistica-illegal-que-ha-ofert-el-consell-de-mallorca\/\">\n\t<\/aside>\n\t\t<\/article>\n<\/div>\n<div class=\"small-12 large-4 columns\">\n\t<article itemscope itemtype=\"http:\/\/schema.org\/Article\" class=\"post blog-style7 alt post-30738 type-post status-publish format-standard has-post-thumbnail hentry category-federacio-de-mallorca category-federacio-de-mallorca-portada category-municipis category-portada tag-amanda-fernandez tag-andreu-serra tag-ares-fernandez tag-bea-gamundi tag-biel-alomar tag-catalina-cladera tag-consell-de-mallorca tag-federacio-socialista-de-mallorca tag-jaume-mateu tag-joan-mendez-2 tag-juana-m-adrover tag-lluis-socias-2 tag-psib-psoe tag-sofia-alonso\" role=\"article\">\n\t\t<figure class=\"post-gallery\"><img loading=\"lazy\" decoding=\"async\" width=\"600\" height=\"400\" src=\"https:\/\/www.psib-psoe.org\/mallorca\/wp-content\/uploads\/Bea-Gamundi-1-600x400.jpeg\" class=\"attachment-notio-general-x2 size-notio-general-x2 wp-post-image\" alt=\"\" srcset=\"https:\/\/www.psib-psoe.org\/mallorca\/wp-content\/uploads\/Bea-Gamundi-1-600x400.jpeg 600w, https:\/\/www.psib-psoe.org\/mallorca\/wp-content\/uploads\/Bea-Gamundi-1-300x200.jpeg 300w, https:\/\/www.psib-psoe.org\/mallorca\/wp-content\/uploads\/Bea-Gamundi-1-900x600.jpeg 900w, https:\/\/www.psib-psoe.org\/mallorca\/wp-content\/uploads\/Bea-Gamundi-1-20x13.jpeg 20w\" sizes=\"(max-width: 600px) 100vw, 600px\" \/><\/figure>\n\t\t<div class=\"blog-top\">\n\t\t\t<header class=\"post-title entry-header\">\n\t\t\t\t<aside class=\"post-meta cf\">\n\t\t10\/12\/2025 \/ <a href=\"https:\/\/www.psib-psoe.org\/mallorca\/category\/federacio-de-mallorca\/\" rel=\"category tag\">Federaci\u00f3 de Mallorca<\/a>, <a href=\"https:\/\/www.psib-psoe.org\/mallorca\/category\/federacio-de-mallorca-portada\/\" rel=\"category tag\">Federaci\u00f3 de Mallorca - Portada<\/a>, <a href=\"https:\/\/www.psib-psoe.org\/mallorca\/category\/municipis\/\" rel=\"category tag\">Municipis<\/a>, <a href=\"https:\/\/www.psib-psoe.org\/mallorca\/category\/portada\/\" rel=\"category tag\">Portada<\/a><\/aside>\n\t\t\t\t<h3 itemprop=\"headline\"><a href=\"https:\/\/www.psib-psoe.org\/mallorca\/el-grup-socialista-reclama-al-consell-de-mallorca-un-reforc-urgent-de-la-planificacio-i-el-suport-a-leducacio-infantil-0-3-anys\/\" title=\"El Grup Socialista reclama al Consell de Mallorca un refor\u00e7 urgent de la planificaci\u00f3 i el suport a l\u2019educaci\u00f3 infantil 0-3 anys.\">El Grup Socialista reclama al Consell de Mallorca un refor\u00e7 urgent de la planificaci\u00f3 i el suport a l\u2019educaci\u00f3 infantil 0-3 anys.<\/a><\/h3>\n\t\t\t<\/header>\n\t\t<\/div>\n\t\t<div class=\"post-content\">\n\t\t\t<a href=\"https:\/\/www.psib-psoe.org\/mallorca\/el-grup-socialista-reclama-al-consell-de-mallorca-un-reforc-urgent-de-la-planificacio-i-el-suport-a-leducacio-infantil-0-3-anys\/\" class=\"more-link\">Read More<\/a>\n\t\t<\/div>\n\t\t\t<aside class=\"post-bottom-meta hide\">\n\t\t<strong rel=\"author\" itemprop=\"author\" class=\"author vcard\"><span class=\"fn\">Albert<\/span><\/strong>\n\t\t<time class=\"date published time\" datetime=\"2025-12-10T11:33:15+02:00\" itemprop=\"datePublished\" content=\"2025-12-10T11:33:15+02:00\">10\/12\/2025<\/time>\n\t\t<meta itemprop=\"dateModified\" class=\"date updated\" content=\"2025-12-10T11:33:27+02:00\">\n\t\t<span class=\"hide\" itemprop=\"publisher\" itemscope itemtype=\"https:\/\/schema.org\/Organization\">\n\t\t\t<meta itemprop=\"name\" content=\"SocialistesdMca\">\n\t\t\t<span itemprop=\"logo\" itemscope itemtype=\"https:\/\/schema.org\/ImageObject\">\n\t\t\t\t<meta itemprop=\"url\" content=\"https:\/\/www.psib-psoe.org\/mallorca\/wp-content\/themes\/notio-wp\/assets\/img\/logo.png\">\n\t\t\t<\/span>\n\t\t\t<meta itemprop=\"url\" content=\"https:\/\/www.psib-psoe.org\/mallorca\/\">\n\t\t<\/span>\n\t\t\t\t<span class=\"hide\" itemprop=\"image\" itemscope itemtype=\"http:\/\/schema.org\/ImageObject\">\n\t\t\t<meta itemprop=\"url\" content=\"https:\/\/www.psib-psoe.org\/mallorca\/wp-content\/uploads\/Bea-Gamundi-1.jpeg\">\n\t\t\t<meta itemprop=\"width\" content=\"1066\">\n\t\t\t<meta itemprop=\"height\" content=\"995\">\n\t\t<\/span>\n\t\t\t\t<meta itemscope itemprop=\"mainEntityOfPage\" itemtype=\"https:\/\/schema.org\/WebPage\" itemid=\"https:\/\/www.psib-psoe.org\/mallorca\/el-grup-socialista-reclama-al-consell-de-mallorca-un-reforc-urgent-de-la-planificacio-i-el-suport-a-leducacio-infantil-0-3-anys\/\">\n\t<\/aside>\n\t\t<\/article>\n<\/div>\n<div class=\"small-12 large-4 columns\">\n\t<article itemscope itemtype=\"http:\/\/schema.org\/Article\" class=\"post blog-style7 alt post-30734 type-post status-publish format-standard has-post-thumbnail hentry category-federacio-de-mallorca category-federacio-de-mallorca-portada category-municipis category-portada tag-agrupacio-socialista-de-manacor tag-amanda-fernandez tag-catalina-cladera tag-consell-de-mallorca tag-federacio-socialista-de-mallorca tag-jaume-mateu tag-manacor tag-nuria-hinojosa tag-psib-psoe\" role=\"article\">\n\t\t<figure class=\"post-gallery\"><img loading=\"lazy\" decoding=\"async\" width=\"600\" height=\"400\" src=\"https:\/\/www.psib-psoe.org\/mallorca\/wp-content\/uploads\/Av-Torrent-2025-600x400.jpeg\" class=\"attachment-notio-general-x2 size-notio-general-x2 wp-post-image\" alt=\"\" srcset=\"https:\/\/www.psib-psoe.org\/mallorca\/wp-content\/uploads\/Av-Torrent-2025-600x400.jpeg 600w, https:\/\/www.psib-psoe.org\/mallorca\/wp-content\/uploads\/Av-Torrent-2025-300x200.jpeg 300w, https:\/\/www.psib-psoe.org\/mallorca\/wp-content\/uploads\/Av-Torrent-2025-900x600.jpeg 900w, https:\/\/www.psib-psoe.org\/mallorca\/wp-content\/uploads\/Av-Torrent-2025-20x13.jpeg 20w\" sizes=\"(max-width: 600px) 100vw, 600px\" \/><\/figure>\n\t\t<div class=\"blog-top\">\n\t\t\t<header class=\"post-title entry-header\">\n\t\t\t\t<aside class=\"post-meta cf\">\n\t\t07\/12\/2025 \/ <a href=\"https:\/\/www.psib-psoe.org\/mallorca\/category\/federacio-de-mallorca\/\" rel=\"category tag\">Federaci\u00f3 de Mallorca<\/a>, <a href=\"https:\/\/www.psib-psoe.org\/mallorca\/category\/federacio-de-mallorca-portada\/\" rel=\"category tag\">Federaci\u00f3 de Mallorca - Portada<\/a>, <a href=\"https:\/\/www.psib-psoe.org\/mallorca\/category\/municipis\/\" rel=\"category tag\">Municipis<\/a>, <a href=\"https:\/\/www.psib-psoe.org\/mallorca\/category\/portada\/\" rel=\"category tag\">Portada<\/a><\/aside>\n\t\t\t\t<h3 itemprop=\"headline\"><a href=\"https:\/\/www.psib-psoe.org\/mallorca\/els-socialistes-de-manacor-denuncien-lincompliment-del-consell-amb-la-reforma-de-lavinguda-del-torrent\/\" title=\"Els Socialistes de Manacor denuncien l\u2019incompliment del Consell amb la reforma de l\u2019avinguda del Torrent.\">Els Socialistes de Manacor denuncien l\u2019incompliment del Consell amb la reforma de l\u2019avinguda del Torrent.<\/a><\/h3>\n\t\t\t<\/header>\n\t\t<\/div>\n\t\t<div class=\"post-content\">\n\t\t\t<a href=\"https:\/\/www.psib-psoe.org\/mallorca\/els-socialistes-de-manacor-denuncien-lincompliment-del-consell-amb-la-reforma-de-lavinguda-del-torrent\/\" class=\"more-link\">Read More<\/a>\n\t\t<\/div>\n\t\t\t<aside class=\"post-bottom-meta hide\">\n\t\t<strong rel=\"author\" itemprop=\"author\" class=\"author vcard\"><span class=\"fn\">Albert<\/span><\/strong>\n\t\t<time class=\"date published time\" datetime=\"2025-12-07T12:14:14+02:00\" itemprop=\"datePublished\" content=\"2025-12-07T12:14:14+02:00\">07\/12\/2025<\/time>\n\t\t<meta itemprop=\"dateModified\" class=\"date updated\" content=\"2025-12-07T12:14:26+02:00\">\n\t\t<span class=\"hide\" itemprop=\"publisher\" itemscope itemtype=\"https:\/\/schema.org\/Organization\">\n\t\t\t<meta itemprop=\"name\" content=\"SocialistesdMca\">\n\t\t\t<span itemprop=\"logo\" itemscope itemtype=\"https:\/\/schema.org\/ImageObject\">\n\t\t\t\t<meta itemprop=\"url\" content=\"https:\/\/www.psib-psoe.org\/mallorca\/wp-content\/themes\/notio-wp\/assets\/img\/logo.png\">\n\t\t\t<\/span>\n\t\t\t<meta itemprop=\"url\" content=\"https:\/\/www.psib-psoe.org\/mallorca\/\">\n\t\t<\/span>\n\t\t\t\t<span class=\"hide\" itemprop=\"image\" itemscope itemtype=\"http:\/\/schema.org\/ImageObject\">\n\t\t\t<meta itemprop=\"url\" content=\"https:\/\/www.psib-psoe.org\/mallorca\/wp-content\/uploads\/Av-Torrent-2025.jpeg\">\n\t\t\t<meta itemprop=\"width\" content=\"1166\">\n\t\t\t<meta itemprop=\"height\" content=\"2048\">\n\t\t<\/span>\n\t\t\t\t<meta itemscope itemprop=\"mainEntityOfPage\" itemtype=\"https:\/\/schema.org\/WebPage\" itemid=\"https:\/\/www.psib-psoe.org\/mallorca\/els-socialistes-de-manacor-denuncien-lincompliment-del-consell-amb-la-reforma-de-lavinguda-del-torrent\/\">\n\t<\/aside>\n\t\t<\/article>\n<\/div>\n<div class=\"small-12 large-4 columns\">\n\t<article itemscope itemtype=\"http:\/\/schema.org\/Article\" class=\"post blog-style7 alt post-30731 type-post status-publish format-standard has-post-thumbnail hentry category-federacio-de-mallorca category-federacio-de-mallorca-portada category-municipis category-portada tag-agrupacio-socialsita-de-calvia tag-amanda-fernandez tag-bea-gamundi tag-federacio-socialista-de-mallorca tag-joan-mendez-2 tag-nati-frances tag-omar-lamin tag-psib-psoe tag-sofia-alonso\" role=\"article\">\n\t\t<figure class=\"post-gallery\"><img loading=\"lazy\" decoding=\"async\" width=\"600\" height=\"400\" src=\"https:\/\/www.psib-psoe.org\/mallorca\/wp-content\/uploads\/0511225_Centre-de-Dia-Palmanova-copia-600x400.jpeg\" class=\"attachment-notio-general-x2 size-notio-general-x2 wp-post-image\" alt=\"\" srcset=\"https:\/\/www.psib-psoe.org\/mallorca\/wp-content\/uploads\/0511225_Centre-de-Dia-Palmanova-copia-600x400.jpeg 600w, https:\/\/www.psib-psoe.org\/mallorca\/wp-content\/uploads\/0511225_Centre-de-Dia-Palmanova-copia-300x200.jpeg 300w, https:\/\/www.psib-psoe.org\/mallorca\/wp-content\/uploads\/0511225_Centre-de-Dia-Palmanova-copia-900x600.jpeg 900w, https:\/\/www.psib-psoe.org\/mallorca\/wp-content\/uploads\/0511225_Centre-de-Dia-Palmanova-copia-20x13.jpeg 20w\" sizes=\"(max-width: 600px) 100vw, 600px\" \/><\/figure>\n\t\t<div class=\"blog-top\">\n\t\t\t<header class=\"post-title entry-header\">\n\t\t\t\t<aside class=\"post-meta cf\">\n\t\t05\/12\/2025 \/ <a href=\"https:\/\/www.psib-psoe.org\/mallorca\/category\/federacio-de-mallorca\/\" rel=\"category tag\">Federaci\u00f3 de Mallorca<\/a>, <a href=\"https:\/\/www.psib-psoe.org\/mallorca\/category\/federacio-de-mallorca-portada\/\" rel=\"category tag\">Federaci\u00f3 de Mallorca - Portada<\/a>, <a href=\"https:\/\/www.psib-psoe.org\/mallorca\/category\/municipis\/\" rel=\"category tag\">Municipis<\/a>, <a href=\"https:\/\/www.psib-psoe.org\/mallorca\/category\/portada\/\" rel=\"category tag\">Portada<\/a><\/aside>\n\t\t\t\t<h3 itemprop=\"headline\"><a href=\"https:\/\/www.psib-psoe.org\/mallorca\/el-psib-psoe-denuncia-el-retard-injustificat-en-lobertura-del-centre-de-dia-de-palmanova-i-nexigeix-la-posada-en-marxa-com-mes-aviat-millor\/\" title=\"El PSIB-PSOE denuncia el retard injustificat en l\u2019obertura del Centre de Dia de Palmanova i n\u2019exigeix la posada en marxa com m\u00e9s aviat millor.\">El PSIB-PSOE denuncia el retard injustificat en l\u2019obertura del Centre de Dia de Palmanova i n\u2019exigeix la posada en marxa com m\u00e9s aviat millor.<\/a><\/h3>\n\t\t\t<\/header>\n\t\t<\/div>\n\t\t<div class=\"post-content\">\n\t\t\t<a href=\"https:\/\/www.psib-psoe.org\/mallorca\/el-psib-psoe-denuncia-el-retard-injustificat-en-lobertura-del-centre-de-dia-de-palmanova-i-nexigeix-la-posada-en-marxa-com-mes-aviat-millor\/\" class=\"more-link\">Read More<\/a>\n\t\t<\/div>\n\t\t\t<aside class=\"post-bottom-meta hide\">\n\t\t<strong rel=\"author\" itemprop=\"author\" class=\"author vcard\"><span class=\"fn\">Albert<\/span><\/strong>\n\t\t<time class=\"date published time\" datetime=\"2025-12-05T13:55:17+02:00\" itemprop=\"datePublished\" content=\"2025-12-05T13:55:17+02:00\">05\/12\/2025<\/time>\n\t\t<meta itemprop=\"dateModified\" class=\"date updated\" content=\"2025-12-05T13:55:29+02:00\">\n\t\t<span class=\"hide\" itemprop=\"publisher\" itemscope itemtype=\"https:\/\/schema.org\/Organization\">\n\t\t\t<meta itemprop=\"name\" content=\"SocialistesdMca\">\n\t\t\t<span itemprop=\"logo\" itemscope itemtype=\"https:\/\/schema.org\/ImageObject\">\n\t\t\t\t<meta itemprop=\"url\" content=\"https:\/\/www.psib-psoe.org\/mallorca\/wp-content\/themes\/notio-wp\/assets\/img\/logo.png\">\n\t\t\t<\/span>\n\t\t\t<meta itemprop=\"url\" content=\"https:\/\/www.psib-psoe.org\/mallorca\/\">\n\t\t<\/span>\n\t\t\t\t<span class=\"hide\" itemprop=\"image\" itemscope itemtype=\"http:\/\/schema.org\/ImageObject\">\n\t\t\t<meta itemprop=\"url\" content=\"https:\/\/www.psib-psoe.org\/mallorca\/wp-content\/uploads\/0511225_Centre-de-Dia-Palmanova-copia-scaled.jpeg\">\n\t\t\t<meta itemprop=\"width\" content=\"2560\">\n\t\t\t<meta itemprop=\"height\" content=\"1920\">\n\t\t<\/span>\n\t\t\t\t<meta itemscope itemprop=\"mainEntityOfPage\" itemtype=\"https:\/\/schema.org\/WebPage\" itemid=\"https:\/\/www.psib-psoe.org\/mallorca\/el-psib-psoe-denuncia-el-retard-injustificat-en-lobertura-del-centre-de-dia-de-palmanova-i-nexigeix-la-posada-en-marxa-com-mes-aviat-millor\/\">\n\t<\/aside>\n\t\t<\/article>\n<\/div>\n<div class=\"small-12 large-4 columns\">\n\t<article itemscope itemtype=\"http:\/\/schema.org\/Article\" class=\"post blog-style7 alt post-30726 type-post status-publish format-standard has-post-thumbnail hentry category-federacio-de-mallorca category-federacio-de-mallorca-portada category-municipis category-portada tag-amanda-fernandez tag-andreu-serra tag-ares-fernandez tag-bea-gamundi tag-biel-alomar tag-catalina-cladera tag-consell-de-mallorca tag-federacio-socialista-de-mallorca tag-jaume-mateu tag-joan-mendez-2 tag-juana-m-adrover tag-lluis-socias-2 tag-psib-psoe tag-sofia-alonso\" role=\"article\">\n\t\t<figure class=\"post-gallery\"><img loading=\"lazy\" decoding=\"async\" width=\"600\" height=\"400\" src=\"https:\/\/www.psib-psoe.org\/mallorca\/wp-content\/uploads\/Andreu-trot-1-600x400.jpeg\" class=\"attachment-notio-general-x2 size-notio-general-x2 wp-post-image\" alt=\"\" srcset=\"https:\/\/www.psib-psoe.org\/mallorca\/wp-content\/uploads\/Andreu-trot-1-600x400.jpeg 600w, https:\/\/www.psib-psoe.org\/mallorca\/wp-content\/uploads\/Andreu-trot-1-300x200.jpeg 300w, https:\/\/www.psib-psoe.org\/mallorca\/wp-content\/uploads\/Andreu-trot-1-900x600.jpeg 900w, https:\/\/www.psib-psoe.org\/mallorca\/wp-content\/uploads\/Andreu-trot-1-20x13.jpeg 20w\" sizes=\"(max-width: 600px) 100vw, 600px\" \/><\/figure>\n\t\t<div class=\"blog-top\">\n\t\t\t<header class=\"post-title entry-header\">\n\t\t\t\t<aside class=\"post-meta cf\">\n\t\t05\/12\/2025 \/ <a href=\"https:\/\/www.psib-psoe.org\/mallorca\/category\/federacio-de-mallorca\/\" rel=\"category tag\">Federaci\u00f3 de Mallorca<\/a>, <a href=\"https:\/\/www.psib-psoe.org\/mallorca\/category\/federacio-de-mallorca-portada\/\" rel=\"category tag\">Federaci\u00f3 de Mallorca - Portada<\/a>, <a href=\"https:\/\/www.psib-psoe.org\/mallorca\/category\/municipis\/\" rel=\"category tag\">Municipis<\/a>, <a href=\"https:\/\/www.psib-psoe.org\/mallorca\/category\/portada\/\" rel=\"category tag\">Portada<\/a><\/aside>\n\t\t\t\t<h3 itemprop=\"headline\"><a href=\"https:\/\/www.psib-psoe.org\/mallorca\/linstitut-de-lesport-hipic-de-mallorca-organitza-proves-a-son-pardo-sense-tenir-la-llicencia-dactivitats-aprovada-per-lajuntament-de-palma\/\" title=\"L\u2019Institut de l\u2019Esport H\u00edpic de Mallorca organitza proves a Son Pardo sense tenir la llic\u00e8ncia d\u2019activitats aprovada per l\u2019Ajuntament de Palma.\">L\u2019Institut de l\u2019Esport H\u00edpic de Mallorca organitza proves a Son Pardo sense tenir la llic\u00e8ncia d\u2019activitats aprovada per l\u2019Ajuntament de Palma.<\/a><\/h3>\n\t\t\t<\/header>\n\t\t<\/div>\n\t\t<div class=\"post-content\">\n\t\t\t<a href=\"https:\/\/www.psib-psoe.org\/mallorca\/linstitut-de-lesport-hipic-de-mallorca-organitza-proves-a-son-pardo-sense-tenir-la-llicencia-dactivitats-aprovada-per-lajuntament-de-palma\/\" class=\"more-link\">Read More<\/a>\n\t\t<\/div>\n\t\t\t<aside class=\"post-bottom-meta hide\">\n\t\t<strong rel=\"author\" itemprop=\"author\" class=\"author vcard\"><span class=\"fn\">Albert<\/span><\/strong>\n\t\t<time class=\"date published time\" datetime=\"2025-12-05T11:52:20+02:00\" itemprop=\"datePublished\" content=\"2025-12-05T11:52:20+02:00\">05\/12\/2025<\/time>\n\t\t<meta itemprop=\"dateModified\" class=\"date updated\" content=\"2025-12-05T12:31:02+02:00\">\n\t\t<span class=\"hide\" itemprop=\"publisher\" itemscope itemtype=\"https:\/\/schema.org\/Organization\">\n\t\t\t<meta itemprop=\"name\" content=\"SocialistesdMca\">\n\t\t\t<span itemprop=\"logo\" itemscope itemtype=\"https:\/\/schema.org\/ImageObject\">\n\t\t\t\t<meta itemprop=\"url\" content=\"https:\/\/www.psib-psoe.org\/mallorca\/wp-content\/themes\/notio-wp\/assets\/img\/logo.png\">\n\t\t\t<\/span>\n\t\t\t<meta itemprop=\"url\" content=\"https:\/\/www.psib-psoe.org\/mallorca\/\">\n\t\t<\/span>\n\t\t\t\t<span class=\"hide\" itemprop=\"image\" itemscope itemtype=\"http:\/\/schema.org\/ImageObject\">\n\t\t\t<meta itemprop=\"url\" content=\"https:\/\/www.psib-psoe.org\/mallorca\/wp-content\/uploads\/Andreu-trot-1-scaled.jpeg\">\n\t\t\t<meta itemprop=\"width\" content=\"1920\">\n\t\t\t<meta itemprop=\"height\" content=\"2560\">\n\t\t<\/span>\n\t\t\t\t<meta itemscope itemprop=\"mainEntityOfPage\" itemtype=\"https:\/\/schema.org\/WebPage\" itemid=\"https:\/\/www.psib-psoe.org\/mallorca\/linstitut-de-lesport-hipic-de-mallorca-organitza-proves-a-son-pardo-sense-tenir-la-llicencia-dactivitats-aprovada-per-lajuntament-de-palma\/\">\n\t<\/aside>\n\t\t<\/article>\n<\/div>\n<div class=\"small-12 large-4 columns\">\n\t<article itemscope itemtype=\"http:\/\/schema.org\/Article\" class=\"post blog-style7 alt post-30722 type-post status-publish format-standard has-post-thumbnail hentry category-federacio-de-mallorca category-federacio-de-mallorca-portada category-municipis category-portada tag-amanda-fernandez tag-ares-fernandez tag-bea-gamundi tag-catalina-cladera tag-federacio-socialista-de-mallorca tag-joan-mendez tag-psib-psoe tag-socialistes-de-montuiri tag-sofia-alonso tag-tolo-aguilar tag-toni-miralles\" role=\"article\">\n\t\t<figure class=\"post-gallery\"><img loading=\"lazy\" decoding=\"async\" width=\"600\" height=\"400\" src=\"https:\/\/www.psib-psoe.org\/mallorca\/wp-content\/uploads\/Toni-Miralles-batle-2-600x400.jpeg\" class=\"attachment-notio-general-x2 size-notio-general-x2 wp-post-image\" alt=\"\" srcset=\"https:\/\/www.psib-psoe.org\/mallorca\/wp-content\/uploads\/Toni-Miralles-batle-2-600x400.jpeg 600w, https:\/\/www.psib-psoe.org\/mallorca\/wp-content\/uploads\/Toni-Miralles-batle-2-300x200.jpeg 300w, https:\/\/www.psib-psoe.org\/mallorca\/wp-content\/uploads\/Toni-Miralles-batle-2-900x600.jpeg 900w, https:\/\/www.psib-psoe.org\/mallorca\/wp-content\/uploads\/Toni-Miralles-batle-2-20x13.jpeg 20w\" sizes=\"(max-width: 600px) 100vw, 600px\" \/><\/figure>\n\t\t<div class=\"blog-top\">\n\t\t\t<header class=\"post-title entry-header\">\n\t\t\t\t<aside class=\"post-meta cf\">\n\t\t04\/12\/2025 \/ <a href=\"https:\/\/www.psib-psoe.org\/mallorca\/category\/federacio-de-mallorca\/\" rel=\"category tag\">Federaci\u00f3 de Mallorca<\/a>, <a href=\"https:\/\/www.psib-psoe.org\/mallorca\/category\/federacio-de-mallorca-portada\/\" rel=\"category tag\">Federaci\u00f3 de Mallorca - Portada<\/a>, <a href=\"https:\/\/www.psib-psoe.org\/mallorca\/category\/municipis\/\" rel=\"category tag\">Municipis<\/a>, <a href=\"https:\/\/www.psib-psoe.org\/mallorca\/category\/portada\/\" rel=\"category tag\">Portada<\/a><\/aside>\n\t\t\t\t<h3 itemprop=\"headline\"><a href=\"https:\/\/www.psib-psoe.org\/mallorca\/toni-miralles-ja-es-el-nou-batle-de-montuiri\/\" title=\"Toni Miralles ja \u00e9s el nou batle de Montu\u00efri.\">Toni Miralles ja \u00e9s el nou batle de Montu\u00efri.<\/a><\/h3>\n\t\t\t<\/header>\n\t\t<\/div>\n\t\t<div class=\"post-content\">\n\t\t\t<a href=\"https:\/\/www.psib-psoe.org\/mallorca\/toni-miralles-ja-es-el-nou-batle-de-montuiri\/\" class=\"more-link\">Read More<\/a>\n\t\t<\/div>\n\t\t\t<aside class=\"post-bottom-meta hide\">\n\t\t<strong rel=\"author\" itemprop=\"author\" class=\"author vcard\"><span class=\"fn\">Albert<\/span><\/strong>\n\t\t<time class=\"date published time\" datetime=\"2025-12-04T22:26:19+02:00\" itemprop=\"datePublished\" content=\"2025-12-04T22:26:19+02:00\">04\/12\/2025<\/time>\n\t\t<meta itemprop=\"dateModified\" class=\"date updated\" content=\"2025-12-04T22:26:31+02:00\">\n\t\t<span class=\"hide\" itemprop=\"publisher\" itemscope itemtype=\"https:\/\/schema.org\/Organization\">\n\t\t\t<meta itemprop=\"name\" content=\"SocialistesdMca\">\n\t\t\t<span itemprop=\"logo\" itemscope itemtype=\"https:\/\/schema.org\/ImageObject\">\n\t\t\t\t<meta itemprop=\"url\" content=\"https:\/\/www.psib-psoe.org\/mallorca\/wp-content\/themes\/notio-wp\/assets\/img\/logo.png\">\n\t\t\t<\/span>\n\t\t\t<meta itemprop=\"url\" content=\"https:\/\/www.psib-psoe.org\/mallorca\/\">\n\t\t<\/span>\n\t\t\t\t<span class=\"hide\" itemprop=\"image\" itemscope itemtype=\"http:\/\/schema.org\/ImageObject\">\n\t\t\t<meta itemprop=\"url\" content=\"https:\/\/www.psib-psoe.org\/mallorca\/wp-content\/uploads\/Toni-Miralles-batle-2.jpeg\">\n\t\t\t<meta itemprop=\"width\" content=\"1600\">\n\t\t\t<meta itemprop=\"height\" content=\"1304\">\n\t\t<\/span>\n\t\t\t\t<meta itemscope itemprop=\"mainEntityOfPage\" itemtype=\"https:\/\/schema.org\/WebPage\" itemid=\"https:\/\/www.psib-psoe.org\/mallorca\/toni-miralles-ja-es-el-nou-batle-de-montuiri\/\">\n\t<\/aside>\n\t\t<\/article>\n<\/div>\n<div class=\"small-12 large-4 columns\">\n\t<article itemscope itemtype=\"http:\/\/schema.org\/Article\" class=\"post blog-style7 alt post-30716 type-post status-publish format-standard has-post-thumbnail hentry category-federacio-de-mallorca category-federacio-de-mallorca-portada category-municipis category-portada tag-amanda-fernandez tag-andreu-serra tag-ares-fernandez tag-bea-gamundi tag-biel-alomar tag-catalina-cladera tag-consell-de-mallorca tag-federacio-socialista-de-mallorca tag-jaume-mateu tag-joan-mendez-2 tag-juana-m-adrover tag-psib-psoe tag-sofia-alonso\" role=\"article\">\n\t\t<figure class=\"post-gallery\"><img loading=\"lazy\" decoding=\"async\" width=\"600\" height=\"400\" src=\"https:\/\/www.psib-psoe.org\/mallorca\/wp-content\/uploads\/Registre-Llei-Mobilitat-600x400.jpeg\" class=\"attachment-notio-general-x2 size-notio-general-x2 wp-post-image\" alt=\"\" srcset=\"https:\/\/www.psib-psoe.org\/mallorca\/wp-content\/uploads\/Registre-Llei-Mobilitat-600x400.jpeg 600w, https:\/\/www.psib-psoe.org\/mallorca\/wp-content\/uploads\/Registre-Llei-Mobilitat-300x200.jpeg 300w, https:\/\/www.psib-psoe.org\/mallorca\/wp-content\/uploads\/Registre-Llei-Mobilitat-900x600.jpeg 900w, https:\/\/www.psib-psoe.org\/mallorca\/wp-content\/uploads\/Registre-Llei-Mobilitat-20x13.jpeg 20w\" sizes=\"(max-width: 600px) 100vw, 600px\" \/><\/figure>\n\t\t<div class=\"blog-top\">\n\t\t\t<header class=\"post-title entry-header\">\n\t\t\t\t<aside class=\"post-meta cf\">\n\t\t04\/12\/2025 \/ <a href=\"https:\/\/www.psib-psoe.org\/mallorca\/category\/federacio-de-mallorca\/\" rel=\"category tag\">Federaci\u00f3 de Mallorca<\/a>, <a href=\"https:\/\/www.psib-psoe.org\/mallorca\/category\/federacio-de-mallorca-portada\/\" rel=\"category tag\">Federaci\u00f3 de Mallorca - Portada<\/a>, <a href=\"https:\/\/www.psib-psoe.org\/mallorca\/category\/municipis\/\" rel=\"category tag\">Municipis<\/a>, <a href=\"https:\/\/www.psib-psoe.org\/mallorca\/category\/portada\/\" rel=\"category tag\">Portada<\/a><\/aside>\n\t\t\t\t<h3 itemprop=\"headline\"><a href=\"https:\/\/www.psib-psoe.org\/mallorca\/el-psib-entra-a-tramit-el-projecte-de-llei-de-mobilitat-sostenible-al-parlament-i-al-consell\/\" title=\"El PSIB entra a tr\u00e0mit el projecte de llei de Mobilitat Sostenible al Parlament i al Consell.\">El PSIB entra a tr\u00e0mit el projecte de llei de Mobilitat Sostenible al Parlament i al Consell.<\/a><\/h3>\n\t\t\t<\/header>\n\t\t<\/div>\n\t\t<div class=\"post-content\">\n\t\t\t<a href=\"https:\/\/www.psib-psoe.org\/mallorca\/el-psib-entra-a-tramit-el-projecte-de-llei-de-mobilitat-sostenible-al-parlament-i-al-consell\/\" class=\"more-link\">Read More<\/a>\n\t\t<\/div>\n\t\t\t<aside class=\"post-bottom-meta hide\">\n\t\t<strong rel=\"author\" itemprop=\"author\" class=\"author vcard\"><span class=\"fn\">Albert<\/span><\/strong>\n\t\t<time class=\"date published time\" datetime=\"2025-12-04T14:58:10+02:00\" itemprop=\"datePublished\" content=\"2025-12-04T14:58:10+02:00\">04\/12\/2025<\/time>\n\t\t<meta itemprop=\"dateModified\" class=\"date updated\" content=\"2025-12-04T14:58:22+02:00\">\n\t\t<span class=\"hide\" itemprop=\"publisher\" itemscope itemtype=\"https:\/\/schema.org\/Organization\">\n\t\t\t<meta itemprop=\"name\" content=\"SocialistesdMca\">\n\t\t\t<span itemprop=\"logo\" itemscope itemtype=\"https:\/\/schema.org\/ImageObject\">\n\t\t\t\t<meta itemprop=\"url\" content=\"https:\/\/www.psib-psoe.org\/mallorca\/wp-content\/themes\/notio-wp\/assets\/img\/logo.png\">\n\t\t\t<\/span>\n\t\t\t<meta itemprop=\"url\" content=\"https:\/\/www.psib-psoe.org\/mallorca\/\">\n\t\t<\/span>\n\t\t\t\t<span class=\"hide\" itemprop=\"image\" itemscope itemtype=\"http:\/\/schema.org\/ImageObject\">\n\t\t\t<meta itemprop=\"url\" content=\"https:\/\/www.psib-psoe.org\/mallorca\/wp-content\/uploads\/Registre-Llei-Mobilitat-scaled.jpeg\">\n\t\t\t<meta itemprop=\"width\" content=\"2560\">\n\t\t\t<meta itemprop=\"height\" content=\"1943\">\n\t\t<\/span>\n\t\t\t\t<meta itemscope itemprop=\"mainEntityOfPage\" itemtype=\"https:\/\/schema.org\/WebPage\" itemid=\"https:\/\/www.psib-psoe.org\/mallorca\/el-psib-entra-a-tramit-el-projecte-de-llei-de-mobilitat-sostenible-al-parlament-i-al-consell\/\">\n\t<\/aside>\n\t\t<\/article>\n<\/div>\n<div class=\"small-12 large-4 columns\">\n\t<article itemscope itemtype=\"http:\/\/schema.org\/Article\" class=\"post blog-style7 alt post-30713 type-post status-publish format-standard has-post-thumbnail hentry category-federacio-de-mallorca category-federacio-de-mallorca-portada category-municipis category-portada\" role=\"article\">\n\t\t<figure class=\"post-gallery\"><img loading=\"lazy\" decoding=\"async\" width=\"600\" height=\"400\" src=\"https:\/\/www.psib-psoe.org\/mallorca\/wp-content\/uploads\/pexels-artemioz-14924935-600x400.jpg\" class=\"attachment-notio-general-x2 size-notio-general-x2 wp-post-image\" alt=\"\" srcset=\"https:\/\/www.psib-psoe.org\/mallorca\/wp-content\/uploads\/pexels-artemioz-14924935-600x400.jpg 600w, https:\/\/www.psib-psoe.org\/mallorca\/wp-content\/uploads\/pexels-artemioz-14924935-300x200.jpg 300w, https:\/\/www.psib-psoe.org\/mallorca\/wp-content\/uploads\/pexels-artemioz-14924935-1024x683.jpg 1024w, https:\/\/www.psib-psoe.org\/mallorca\/wp-content\/uploads\/pexels-artemioz-14924935-768x512.jpg 768w, https:\/\/www.psib-psoe.org\/mallorca\/wp-content\/uploads\/pexels-artemioz-14924935-1536x1024.jpg 1536w, https:\/\/www.psib-psoe.org\/mallorca\/wp-content\/uploads\/pexels-artemioz-14924935-2048x1365.jpg 2048w, https:\/\/www.psib-psoe.org\/mallorca\/wp-content\/uploads\/pexels-artemioz-14924935-150x100.jpg 150w, https:\/\/www.psib-psoe.org\/mallorca\/wp-content\/uploads\/pexels-artemioz-14924935-900x600.jpg 900w, https:\/\/www.psib-psoe.org\/mallorca\/wp-content\/uploads\/pexels-artemioz-14924935-20x13.jpg 20w\" sizes=\"(max-width: 600px) 100vw, 600px\" \/><\/figure>\n\t\t<div class=\"blog-top\">\n\t\t\t<header class=\"post-title entry-header\">\n\t\t\t\t<aside class=\"post-meta cf\">\n\t\t04\/12\/2025 \/ <a href=\"https:\/\/www.psib-psoe.org\/mallorca\/category\/federacio-de-mallorca\/\" rel=\"category tag\">Federaci\u00f3 de Mallorca<\/a>, <a href=\"https:\/\/www.psib-psoe.org\/mallorca\/category\/federacio-de-mallorca-portada\/\" rel=\"category tag\">Federaci\u00f3 de Mallorca - Portada<\/a>, <a href=\"https:\/\/www.psib-psoe.org\/mallorca\/category\/municipis\/\" rel=\"category tag\">Municipis<\/a>, <a href=\"https:\/\/www.psib-psoe.org\/mallorca\/category\/portada\/\" rel=\"category tag\">Portada<\/a><\/aside>\n\t\t\t\t<h3 itemprop=\"headline\"><a href=\"https:\/\/www.psib-psoe.org\/mallorca\/els-socialistes-de-soller-presentaran-esmenes-per-suavitzar-la-nova-ordenanca-de-platges-que-va-contra-els-residents-mentre-el-pp-continua-sense-plantejar-cap-mesura-contra-la-saturacio\/\" title=\"Els Socialistes de S\u00f3ller presentaran esmenes per suavitzar la nova ordenan\u00e7a de platges que va contra els residents mentre el PP continua sense plantejar cap mesura contra la saturaci\u00f3\">Els Socialistes de S\u00f3ller presentaran esmenes per suavitzar la nova ordenan\u00e7a de platges que va contra els residents mentre el PP continua sense plantejar cap mesura contra la saturaci\u00f3<\/a><\/h3>\n\t\t\t<\/header>\n\t\t<\/div>\n\t\t<div class=\"post-content\">\n\t\t\t<a href=\"https:\/\/www.psib-psoe.org\/mallorca\/els-socialistes-de-soller-presentaran-esmenes-per-suavitzar-la-nova-ordenanca-de-platges-que-va-contra-els-residents-mentre-el-pp-continua-sense-plantejar-cap-mesura-contra-la-saturacio\/\" class=\"more-link\">Read More<\/a>\n\t\t<\/div>\n\t\t\t<aside class=\"post-bottom-meta hide\">\n\t\t<strong rel=\"author\" itemprop=\"author\" class=\"author vcard\"><span class=\"fn\">Marc<\/span><\/strong>\n\t\t<time class=\"date published time\" datetime=\"2025-12-04T12:23:17+02:00\" itemprop=\"datePublished\" content=\"2025-12-04T12:23:17+02:00\">04\/12\/2025<\/time>\n\t\t<meta itemprop=\"dateModified\" class=\"date updated\" content=\"2025-12-04T12:23:29+02:00\">\n\t\t<span class=\"hide\" itemprop=\"publisher\" itemscope itemtype=\"https:\/\/schema.org\/Organization\">\n\t\t\t<meta itemprop=\"name\" content=\"SocialistesdMca\">\n\t\t\t<span itemprop=\"logo\" itemscope itemtype=\"https:\/\/schema.org\/ImageObject\">\n\t\t\t\t<meta itemprop=\"url\" content=\"https:\/\/www.psib-psoe.org\/mallorca\/wp-content\/themes\/notio-wp\/assets\/img\/logo.png\">\n\t\t\t<\/span>\n\t\t\t<meta itemprop=\"url\" content=\"https:\/\/www.psib-psoe.org\/mallorca\/\">\n\t\t<\/span>\n\t\t\t\t<span class=\"hide\" itemprop=\"image\" itemscope itemtype=\"http:\/\/schema.org\/ImageObject\">\n\t\t\t<meta itemprop=\"url\" content=\"https:\/\/www.psib-psoe.org\/mallorca\/wp-content\/uploads\/pexels-artemioz-14924935-scaled.jpg\">\n\t\t\t<meta itemprop=\"width\" content=\"2560\">\n\t\t\t<meta itemprop=\"height\" content=\"1707\">\n\t\t<\/span>\n\t\t\t\t<meta itemscope itemprop=\"mainEntityOfPage\" itemtype=\"https:\/\/schema.org\/WebPage\" itemid=\"https:\/\/www.psib-psoe.org\/mallorca\/els-socialistes-de-soller-presentaran-esmenes-per-suavitzar-la-nova-ordenanca-de-platges-que-va-contra-els-residents-mentre-el-pp-continua-sense-plantejar-cap-mesura-contra-la-saturacio\/\">\n\t<\/aside>\n\t\t<\/article>\n<\/div>\n<div class=\"small-12 large-4 columns\">\n\t<article itemscope itemtype=\"http:\/\/schema.org\/Article\" class=\"post blog-style7 alt post-30709 type-post status-publish format-standard has-post-thumbnail hentry category-federacio-de-mallorca category-federacio-de-mallorca-portada category-municipis category-portada tag-agrupacio-socialista-de-llucmajor tag-amanda-fernandez tag-federacio-socialista-de-mallorca tag-jaume-j-oliver-2 tag-llucmajor tag-omar-lamin tag-psib-psoe tag-sofia-alonso\" role=\"article\">\n\t\t<figure class=\"post-gallery\"><img loading=\"lazy\" decoding=\"async\" width=\"600\" height=\"400\" src=\"https:\/\/www.psib-psoe.org\/mallorca\/wp-content\/uploads\/031225_Residencia-Llucmajor-600x400.jpg\" class=\"attachment-notio-general-x2 size-notio-general-x2 wp-post-image\" alt=\"\" srcset=\"https:\/\/www.psib-psoe.org\/mallorca\/wp-content\/uploads\/031225_Residencia-Llucmajor-600x400.jpg 600w, https:\/\/www.psib-psoe.org\/mallorca\/wp-content\/uploads\/031225_Residencia-Llucmajor-300x200.jpg 300w, https:\/\/www.psib-psoe.org\/mallorca\/wp-content\/uploads\/031225_Residencia-Llucmajor-1024x683.jpg 1024w, https:\/\/www.psib-psoe.org\/mallorca\/wp-content\/uploads\/031225_Residencia-Llucmajor-768x512.jpg 768w, https:\/\/www.psib-psoe.org\/mallorca\/wp-content\/uploads\/031225_Residencia-Llucmajor-1536x1024.jpg 1536w, https:\/\/www.psib-psoe.org\/mallorca\/wp-content\/uploads\/031225_Residencia-Llucmajor-2048x1365.jpg 2048w, https:\/\/www.psib-psoe.org\/mallorca\/wp-content\/uploads\/031225_Residencia-Llucmajor-150x100.jpg 150w, https:\/\/www.psib-psoe.org\/mallorca\/wp-content\/uploads\/031225_Residencia-Llucmajor-900x600.jpg 900w, https:\/\/www.psib-psoe.org\/mallorca\/wp-content\/uploads\/031225_Residencia-Llucmajor-20x13.jpg 20w\" sizes=\"(max-width: 600px) 100vw, 600px\" \/><\/figure>\n\t\t<div class=\"blog-top\">\n\t\t\t<header class=\"post-title entry-header\">\n\t\t\t\t<aside class=\"post-meta cf\">\n\t\t03\/12\/2025 \/ <a href=\"https:\/\/www.psib-psoe.org\/mallorca\/category\/federacio-de-mallorca\/\" rel=\"category tag\">Federaci\u00f3 de Mallorca<\/a>, <a href=\"https:\/\/www.psib-psoe.org\/mallorca\/category\/federacio-de-mallorca-portada\/\" rel=\"category tag\">Federaci\u00f3 de Mallorca - Portada<\/a>, <a href=\"https:\/\/www.psib-psoe.org\/mallorca\/category\/municipis\/\" rel=\"category tag\">Municipis<\/a>, <a href=\"https:\/\/www.psib-psoe.org\/mallorca\/category\/portada\/\" rel=\"category tag\">Portada<\/a><\/aside>\n\t\t\t\t<h3 itemprop=\"headline\"><a href=\"https:\/\/www.psib-psoe.org\/mallorca\/el-psib-psoe-denuncia-el-retard-en-la-reforma-de-la-residencia-de-llucmajor-i-reclama-lobertura-immediata-del-centre-de-dia-de-badia-gran\/\" title=\"El PSIB-PSOE denuncia el retard en la reforma de la resid\u00e8ncia de Llucmajor i reclama l\u2019obertura immediata del centre de dia de Badia Gran\">El PSIB-PSOE denuncia el retard en la reforma de la resid\u00e8ncia de Llucmajor i reclama l\u2019obertura immediata del centre de dia de Badia Gran<\/a><\/h3>\n\t\t\t<\/header>\n\t\t<\/div>\n\t\t<div class=\"post-content\">\n\t\t\t<a href=\"https:\/\/www.psib-psoe.org\/mallorca\/el-psib-psoe-denuncia-el-retard-en-la-reforma-de-la-residencia-de-llucmajor-i-reclama-lobertura-immediata-del-centre-de-dia-de-badia-gran\/\" class=\"more-link\">Read More<\/a>\n\t\t<\/div>\n\t\t\t<aside class=\"post-bottom-meta hide\">\n\t\t<strong rel=\"author\" itemprop=\"author\" class=\"author vcard\"><span class=\"fn\">Marc<\/span><\/strong>\n\t\t<time class=\"date published time\" datetime=\"2025-12-03T14:00:24+02:00\" itemprop=\"datePublished\" content=\"2025-12-03T14:00:24+02:00\">03\/12\/2025<\/time>\n\t\t<meta itemprop=\"dateModified\" class=\"date updated\" content=\"2025-12-03T14:00:35+02:00\">\n\t\t<span class=\"hide\" itemprop=\"publisher\" itemscope itemtype=\"https:\/\/schema.org\/Organization\">\n\t\t\t<meta itemprop=\"name\" content=\"SocialistesdMca\">\n\t\t\t<span itemprop=\"logo\" itemscope itemtype=\"https:\/\/schema.org\/ImageObject\">\n\t\t\t\t<meta itemprop=\"url\" content=\"https:\/\/www.psib-psoe.org\/mallorca\/wp-content\/themes\/notio-wp\/assets\/img\/logo.png\">\n\t\t\t<\/span>\n\t\t\t<meta itemprop=\"url\" content=\"https:\/\/www.psib-psoe.org\/mallorca\/\">\n\t\t<\/span>\n\t\t\t\t<span class=\"hide\" itemprop=\"image\" itemscope itemtype=\"http:\/\/schema.org\/ImageObject\">\n\t\t\t<meta itemprop=\"url\" content=\"https:\/\/www.psib-psoe.org\/mallorca\/wp-content\/uploads\/031225_Residencia-Llucmajor-scaled.jpg\">\n\t\t\t<meta itemprop=\"width\" content=\"2560\">\n\t\t\t<meta itemprop=\"height\" content=\"1707\">\n\t\t<\/span>\n\t\t\t\t<meta itemscope itemprop=\"mainEntityOfPage\" itemtype=\"https:\/\/schema.org\/WebPage\" itemid=\"https:\/\/www.psib-psoe.org\/mallorca\/el-psib-psoe-denuncia-el-retard-en-la-reforma-de-la-residencia-de-llucmajor-i-reclama-lobertura-immediata-del-centre-de-dia-de-badia-gran\/\">\n\t<\/aside>\n\t\t<\/article>\n<\/div>\n<div class=\"small-12 large-4 columns\">\n\t<article itemscope itemtype=\"http:\/\/schema.org\/Article\" class=\"post blog-style7 alt post-30705 type-post status-publish format-standard has-post-thumbnail hentry category-federacio-de-mallorca category-federacio-de-mallorca-portada category-municipis category-portada tag-amanda-fernandez tag-andreu-serra tag-ares-fernandez tag-bea-gamundi tag-biel-alomar tag-catalina-cladera tag-consell-de-mallorca tag-federacio-socialista-de-mallorca tag-jaume-mateu tag-joan-mendez-2 tag-juana-m-adrover tag-psib-psoe tag-sofia-alonso\" role=\"article\">\n\t\t<figure class=\"post-gallery\"><img loading=\"lazy\" decoding=\"async\" width=\"600\" height=\"400\" src=\"https:\/\/www.psib-psoe.org\/mallorca\/wp-content\/uploads\/Ple-131125-1-600x400.jpeg\" class=\"attachment-notio-general-x2 size-notio-general-x2 wp-post-image\" alt=\"\" srcset=\"https:\/\/www.psib-psoe.org\/mallorca\/wp-content\/uploads\/Ple-131125-1-600x400.jpeg 600w, https:\/\/www.psib-psoe.org\/mallorca\/wp-content\/uploads\/Ple-131125-1-300x200.jpeg 300w, https:\/\/www.psib-psoe.org\/mallorca\/wp-content\/uploads\/Ple-131125-1-900x600.jpeg 900w, https:\/\/www.psib-psoe.org\/mallorca\/wp-content\/uploads\/Ple-131125-1-20x13.jpeg 20w\" sizes=\"(max-width: 600px) 100vw, 600px\" \/><\/figure>\n\t\t<div class=\"blog-top\">\n\t\t\t<header class=\"post-title entry-header\">\n\t\t\t\t<aside class=\"post-meta cf\">\n\t\t02\/12\/2025 \/ <a href=\"https:\/\/www.psib-psoe.org\/mallorca\/category\/federacio-de-mallorca\/\" rel=\"category tag\">Federaci\u00f3 de Mallorca<\/a>, <a href=\"https:\/\/www.psib-psoe.org\/mallorca\/category\/federacio-de-mallorca-portada\/\" rel=\"category tag\">Federaci\u00f3 de Mallorca - Portada<\/a>, <a href=\"https:\/\/www.psib-psoe.org\/mallorca\/category\/municipis\/\" rel=\"category tag\">Municipis<\/a>, <a href=\"https:\/\/www.psib-psoe.org\/mallorca\/category\/portada\/\" rel=\"category tag\">Portada<\/a><\/aside>\n\t\t\t\t<h3 itemprop=\"headline\"><a href=\"https:\/\/www.psib-psoe.org\/mallorca\/el-departament-de-turisme-del-consell-torna-a-anunciar-per-2026-lincrement-de-places-per-inspeccio-sancions-i-ordenacio-turistica-que-no-ha-complert-en-2025\/\" title=\"El departament de Turisme del Consell torna a anunciar per 2026 l\u2019increment de places per inspecci\u00f3, sancions i ordenaci\u00f3 tur\u00edstica que no ha complert en 2025.\">El departament de Turisme del Consell torna a anunciar per 2026 l\u2019increment de places per inspecci\u00f3, sancions i ordenaci\u00f3 tur\u00edstica que no ha complert en 2025.<\/a><\/h3>\n\t\t\t<\/header>\n\t\t<\/div>\n\t\t<div class=\"post-content\">\n\t\t\t<a href=\"https:\/\/www.psib-psoe.org\/mallorca\/el-departament-de-turisme-del-consell-torna-a-anunciar-per-2026-lincrement-de-places-per-inspeccio-sancions-i-ordenacio-turistica-que-no-ha-complert-en-2025\/\" class=\"more-link\">Read More<\/a>\n\t\t<\/div>\n\t\t\t<aside class=\"post-bottom-meta hide\">\n\t\t<strong rel=\"author\" itemprop=\"author\" class=\"author vcard\"><span class=\"fn\">Albert<\/span><\/strong>\n\t\t<time class=\"date published time\" datetime=\"2025-12-02T14:51:41+02:00\" itemprop=\"datePublished\" content=\"2025-12-02T14:51:41+02:00\">02\/12\/2025<\/time>\n\t\t<meta itemprop=\"dateModified\" class=\"date updated\" content=\"2025-12-02T14:51:53+02:00\">\n\t\t<span class=\"hide\" itemprop=\"publisher\" itemscope itemtype=\"https:\/\/schema.org\/Organization\">\n\t\t\t<meta itemprop=\"name\" content=\"SocialistesdMca\">\n\t\t\t<span itemprop=\"logo\" itemscope itemtype=\"https:\/\/schema.org\/ImageObject\">\n\t\t\t\t<meta itemprop=\"url\" content=\"https:\/\/www.psib-psoe.org\/mallorca\/wp-content\/themes\/notio-wp\/assets\/img\/logo.png\">\n\t\t\t<\/span>\n\t\t\t<meta itemprop=\"url\" content=\"https:\/\/www.psib-psoe.org\/mallorca\/\">\n\t\t<\/span>\n\t\t\t\t<span class=\"hide\" itemprop=\"image\" itemscope itemtype=\"http:\/\/schema.org\/ImageObject\">\n\t\t\t<meta itemprop=\"url\" content=\"https:\/\/www.psib-psoe.org\/mallorca\/wp-content\/uploads\/Ple-131125-1.jpeg\">\n\t\t\t<meta itemprop=\"width\" content=\"1600\">\n\t\t\t<meta itemprop=\"height\" content=\"1200\">\n\t\t<\/span>\n\t\t\t\t<meta itemscope itemprop=\"mainEntityOfPage\" itemtype=\"https:\/\/schema.org\/WebPage\" itemid=\"https:\/\/www.psib-psoe.org\/mallorca\/el-departament-de-turisme-del-consell-torna-a-anunciar-per-2026-lincrement-de-places-per-inspeccio-sancions-i-ordenacio-turistica-que-no-ha-complert-en-2025\/\">\n\t<\/aside>\n\t\t<\/article>\n<\/div>\n<div class=\"small-12 large-4 columns\">\n\t<article itemscope itemtype=\"http:\/\/schema.org\/Article\" class=\"post blog-style7 alt post-30701 type-post status-publish format-standard has-post-thumbnail hentry category-federacio-de-mallorca category-federacio-de-mallorca-portada category-municipis category-portada tag-amanda-fernandez tag-ares-fernandez tag-elsa-herranz tag-jaume-j-oliver tag-jaume-oliver tag-llucmajor tag-psib-psoe tag-sarenal tag-sarenal-de-llucmajor\" role=\"article\">\n\t\t<figure class=\"post-gallery\"><img loading=\"lazy\" decoding=\"async\" width=\"600\" height=\"400\" src=\"https:\/\/www.psib-psoe.org\/mallorca\/wp-content\/uploads\/ple-Llucmajor-030725-1-600x400.jpeg\" class=\"attachment-notio-general-x2 size-notio-general-x2 wp-post-image\" alt=\"\" srcset=\"https:\/\/www.psib-psoe.org\/mallorca\/wp-content\/uploads\/ple-Llucmajor-030725-1-600x400.jpeg 600w, https:\/\/www.psib-psoe.org\/mallorca\/wp-content\/uploads\/ple-Llucmajor-030725-1-300x200.jpeg 300w, https:\/\/www.psib-psoe.org\/mallorca\/wp-content\/uploads\/ple-Llucmajor-030725-1-900x600.jpeg 900w, https:\/\/www.psib-psoe.org\/mallorca\/wp-content\/uploads\/ple-Llucmajor-030725-1-20x13.jpeg 20w\" sizes=\"(max-width: 600px) 100vw, 600px\" \/><\/figure>\n\t\t<div class=\"blog-top\">\n\t\t\t<header class=\"post-title entry-header\">\n\t\t\t\t<aside class=\"post-meta cf\">\n\t\t30\/11\/2025 \/ <a href=\"https:\/\/www.psib-psoe.org\/mallorca\/category\/federacio-de-mallorca\/\" rel=\"category tag\">Federaci\u00f3 de Mallorca<\/a>, <a href=\"https:\/\/www.psib-psoe.org\/mallorca\/category\/federacio-de-mallorca-portada\/\" rel=\"category tag\">Federaci\u00f3 de Mallorca - Portada<\/a>, <a href=\"https:\/\/www.psib-psoe.org\/mallorca\/category\/municipis\/\" rel=\"category tag\">Municipis<\/a>, <a href=\"https:\/\/www.psib-psoe.org\/mallorca\/category\/portada\/\" rel=\"category tag\">Portada<\/a><\/aside>\n\t\t\t\t<h3 itemprop=\"headline\"><a href=\"https:\/\/www.psib-psoe.org\/mallorca\/els-socialistes-de-llucmajor-exigeixen-la-dimissio-de-la-regidora-durbanisme-i-de-la-batlessa-per-haver-insultat-i-menyspreat-a-ciutadans-del-poble-en-el-ple-de-dimecres-passat\/\" title=\"Els Socialistes de Llucmajor exigeixen la dimissi\u00f3 de la regidora d\u2019Urbanisme i de la batlessa per haver insultat i menyspreat a ciutadans del poble en el ple de dimecres passat.\">Els Socialistes de Llucmajor exigeixen la dimissi\u00f3 de la regidora d\u2019Urbanisme i de la batlessa per haver insultat i menyspreat a ciutadans del poble en el ple de dimecres passat.<\/a><\/h3>\n\t\t\t<\/header>\n\t\t<\/div>\n\t\t<div class=\"post-content\">\n\t\t\t<a href=\"https:\/\/www.psib-psoe.org\/mallorca\/els-socialistes-de-llucmajor-exigeixen-la-dimissio-de-la-regidora-durbanisme-i-de-la-batlessa-per-haver-insultat-i-menyspreat-a-ciutadans-del-poble-en-el-ple-de-dimecres-passat\/\" class=\"more-link\">Read More<\/a>\n\t\t<\/div>\n\t\t\t<aside class=\"post-bottom-meta hide\">\n\t\t<strong rel=\"author\" itemprop=\"author\" class=\"author vcard\"><span class=\"fn\">Albert<\/span><\/strong>\n\t\t<time class=\"date published time\" datetime=\"2025-11-30T12:29:09+02:00\" itemprop=\"datePublished\" content=\"2025-11-30T12:29:09+02:00\">30\/11\/2025<\/time>\n\t\t<meta itemprop=\"dateModified\" class=\"date updated\" content=\"2025-11-30T12:29:20+02:00\">\n\t\t<span class=\"hide\" itemprop=\"publisher\" itemscope itemtype=\"https:\/\/schema.org\/Organization\">\n\t\t\t<meta itemprop=\"name\" content=\"SocialistesdMca\">\n\t\t\t<span itemprop=\"logo\" itemscope itemtype=\"https:\/\/schema.org\/ImageObject\">\n\t\t\t\t<meta itemprop=\"url\" content=\"https:\/\/www.psib-psoe.org\/mallorca\/wp-content\/themes\/notio-wp\/assets\/img\/logo.png\">\n\t\t\t<\/span>\n\t\t\t<meta itemprop=\"url\" content=\"https:\/\/www.psib-psoe.org\/mallorca\/\">\n\t\t<\/span>\n\t\t\t\t<span class=\"hide\" itemprop=\"image\" itemscope itemtype=\"http:\/\/schema.org\/ImageObject\">\n\t\t\t<meta itemprop=\"url\" content=\"https:\/\/www.psib-psoe.org\/mallorca\/wp-content\/uploads\/ple-Llucmajor-030725-1.jpeg\">\n\t\t\t<meta itemprop=\"width\" content=\"1600\">\n\t\t\t<meta itemprop=\"height\" content=\"1200\">\n\t\t<\/span>\n\t\t\t\t<meta itemscope itemprop=\"mainEntityOfPage\" itemtype=\"https:\/\/schema.org\/WebPage\" itemid=\"https:\/\/www.psib-psoe.org\/mallorca\/els-socialistes-de-llucmajor-exigeixen-la-dimissio-de-la-regidora-durbanisme-i-de-la-batlessa-per-haver-insultat-i-menyspreat-a-ciutadans-del-poble-en-el-ple-de-dimecres-passat\/\">\n\t<\/aside>\n\t\t<\/article>\n<\/div>\n<div class=\"small-12 large-4 columns\">\n\t<article itemscope itemtype=\"http:\/\/schema.org\/Article\" class=\"post blog-style7 alt post-30698 type-post status-publish format-standard has-post-thumbnail hentry category-federacio-de-mallorca category-federacio-de-mallorca-portada category-municipis category-portada tag-amanda-fernandez tag-andrea-fernandez tag-ares-fernandez tag-consell-de-mallorca tag-daniel-oliveira tag-federacio-socialista-de-mallorca tag-joan-ferrer tag-joan-mendez-2 tag-marga-fullana tag-milena-herrera tag-omar-lamin tag-paca-sauquillo tag-psib-psoe\" role=\"article\">\n\t\t<figure class=\"post-gallery\"><img loading=\"lazy\" decoding=\"async\" width=\"600\" height=\"400\" src=\"https:\/\/www.psib-psoe.org\/mallorca\/wp-content\/uploads\/Escola-Tardor-Algaida-1-600x400.jpeg\" class=\"attachment-notio-general-x2 size-notio-general-x2 wp-post-image\" alt=\"\" srcset=\"https:\/\/www.psib-psoe.org\/mallorca\/wp-content\/uploads\/Escola-Tardor-Algaida-1-600x400.jpeg 600w, https:\/\/www.psib-psoe.org\/mallorca\/wp-content\/uploads\/Escola-Tardor-Algaida-1-300x200.jpeg 300w, https:\/\/www.psib-psoe.org\/mallorca\/wp-content\/uploads\/Escola-Tardor-Algaida-1-900x600.jpeg 900w, https:\/\/www.psib-psoe.org\/mallorca\/wp-content\/uploads\/Escola-Tardor-Algaida-1-20x13.jpeg 20w\" sizes=\"(max-width: 600px) 100vw, 600px\" \/><\/figure>\n\t\t<div class=\"blog-top\">\n\t\t\t<header class=\"post-title entry-header\">\n\t\t\t\t<aside class=\"post-meta cf\">\n\t\t29\/11\/2025 \/ <a href=\"https:\/\/www.psib-psoe.org\/mallorca\/category\/federacio-de-mallorca\/\" rel=\"category tag\">Federaci\u00f3 de Mallorca<\/a>, <a href=\"https:\/\/www.psib-psoe.org\/mallorca\/category\/federacio-de-mallorca-portada\/\" rel=\"category tag\">Federaci\u00f3 de Mallorca - Portada<\/a>, <a href=\"https:\/\/www.psib-psoe.org\/mallorca\/category\/municipis\/\" rel=\"category tag\">Municipis<\/a>, <a href=\"https:\/\/www.psib-psoe.org\/mallorca\/category\/portada\/\" rel=\"category tag\">Portada<\/a><\/aside>\n\t\t\t\t<h3 itemprop=\"headline\"><a href=\"https:\/\/www.psib-psoe.org\/mallorca\/amanda-fernandez-i-rosario-sanchez-reivindiquen-el-dialeg-la-bona-politica-i-un-socialisme-fort-per-combatre-els-discursos-dodi-de-lextrema-dreta-a-lescola-de-tardor\/\" title=\"Amanda Fern\u00e0ndez i Rosario S\u00e1nchez reivindiquen el di\u00e0leg, la bona pol\u00edtica i un socialisme fort per combatre els discursos d\u2019odi de l\u2019extrema dreta, a l\u2019Escola de Tardor \u2018Antoni Alemany i Cladera\u2019.\">Amanda Fern\u00e0ndez i Rosario S\u00e1nchez reivindiquen el di\u00e0leg, la bona pol\u00edtica i un socialisme fort per combatre els discursos d\u2019odi de l\u2019extrema dreta, a l\u2019Escola de Tardor \u2018Antoni Alemany i Cladera\u2019.<\/a><\/h3>\n\t\t\t<\/header>\n\t\t<\/div>\n\t\t<div class=\"post-content\">\n\t\t\t<a href=\"https:\/\/www.psib-psoe.org\/mallorca\/amanda-fernandez-i-rosario-sanchez-reivindiquen-el-dialeg-la-bona-politica-i-un-socialisme-fort-per-combatre-els-discursos-dodi-de-lextrema-dreta-a-lescola-de-tardor\/\" class=\"more-link\">Read More<\/a>\n\t\t<\/div>\n\t\t\t<aside class=\"post-bottom-meta hide\">\n\t\t<strong rel=\"author\" itemprop=\"author\" class=\"author vcard\"><span class=\"fn\">Albert<\/span><\/strong>\n\t\t<time class=\"date published time\" datetime=\"2025-11-29T15:25:26+02:00\" itemprop=\"datePublished\" content=\"2025-11-29T15:25:26+02:00\">29\/11\/2025<\/time>\n\t\t<meta itemprop=\"dateModified\" class=\"date updated\" content=\"2025-11-29T15:25:37+02:00\">\n\t\t<span class=\"hide\" itemprop=\"publisher\" itemscope itemtype=\"https:\/\/schema.org\/Organization\">\n\t\t\t<meta itemprop=\"name\" content=\"SocialistesdMca\">\n\t\t\t<span itemprop=\"logo\" itemscope itemtype=\"https:\/\/schema.org\/ImageObject\">\n\t\t\t\t<meta itemprop=\"url\" content=\"https:\/\/www.psib-psoe.org\/mallorca\/wp-content\/themes\/notio-wp\/assets\/img\/logo.png\">\n\t\t\t<\/span>\n\t\t\t<meta itemprop=\"url\" content=\"https:\/\/www.psib-psoe.org\/mallorca\/\">\n\t\t<\/span>\n\t\t\t\t<span class=\"hide\" itemprop=\"image\" itemscope itemtype=\"http:\/\/schema.org\/ImageObject\">\n\t\t\t<meta itemprop=\"url\" content=\"https:\/\/www.psib-psoe.org\/mallorca\/wp-content\/uploads\/Escola-Tardor-Algaida-1.jpeg\">\n\t\t\t<meta itemprop=\"width\" content=\"1600\">\n\t\t\t<meta itemprop=\"height\" content=\"1200\">\n\t\t<\/span>\n\t\t\t\t<meta itemscope itemprop=\"mainEntityOfPage\" itemtype=\"https:\/\/schema.org\/WebPage\" itemid=\"https:\/\/www.psib-psoe.org\/mallorca\/amanda-fernandez-i-rosario-sanchez-reivindiquen-el-dialeg-la-bona-politica-i-un-socialisme-fort-per-combatre-els-discursos-dodi-de-lextrema-dreta-a-lescola-de-tardor\/\">\n\t<\/aside>\n\t\t<\/article>\n<\/div>\n<div class=\"small-12 large-4 columns\">\n\t<article itemscope itemtype=\"http:\/\/schema.org\/Article\" class=\"post blog-style7 alt post-30695 type-post status-publish format-standard has-post-thumbnail hentry category-consell-de-mallorca category-federacio-de-mallorca category-federacio-de-mallorca-portada category-portada tag-agrupacio-socialista-dandratx tag-amanda-fernandez tag-antoni-mir tag-ares-fernandez tag-catalina-cladera tag-consell-de-mallorca tag-enaitz-inan tag-federacio-socialista-de-mallorca tag-joan-mendez tag-tolo-aguilar\" role=\"article\">\n\t\t<figure class=\"post-gallery\"><img loading=\"lazy\" decoding=\"async\" width=\"600\" height=\"400\" src=\"https:\/\/www.psib-psoe.org\/mallorca\/wp-content\/uploads\/Ple-pressupostos-Andratx-271125-600x400.jpeg\" class=\"attachment-notio-general-x2 size-notio-general-x2 wp-post-image\" alt=\"\" srcset=\"https:\/\/www.psib-psoe.org\/mallorca\/wp-content\/uploads\/Ple-pressupostos-Andratx-271125-600x400.jpeg 600w, https:\/\/www.psib-psoe.org\/mallorca\/wp-content\/uploads\/Ple-pressupostos-Andratx-271125-300x200.jpeg 300w, https:\/\/www.psib-psoe.org\/mallorca\/wp-content\/uploads\/Ple-pressupostos-Andratx-271125-900x600.jpeg 900w, https:\/\/www.psib-psoe.org\/mallorca\/wp-content\/uploads\/Ple-pressupostos-Andratx-271125-20x13.jpeg 20w\" sizes=\"(max-width: 600px) 100vw, 600px\" \/><\/figure>\n\t\t<div class=\"blog-top\">\n\t\t\t<header class=\"post-title entry-header\">\n\t\t\t\t<aside class=\"post-meta cf\">\n\t\t27\/11\/2025 \/ <a href=\"https:\/\/www.psib-psoe.org\/mallorca\/category\/consell-de-mallorca\/\" rel=\"category tag\">Consell de Mallorca<\/a>, <a href=\"https:\/\/www.psib-psoe.org\/mallorca\/category\/federacio-de-mallorca\/\" rel=\"category tag\">Federaci\u00f3 de Mallorca<\/a>, <a href=\"https:\/\/www.psib-psoe.org\/mallorca\/category\/federacio-de-mallorca-portada\/\" rel=\"category tag\">Federaci\u00f3 de Mallorca - Portada<\/a>, <a href=\"https:\/\/www.psib-psoe.org\/mallorca\/category\/portada\/\" rel=\"category tag\">Portada<\/a><\/aside>\n\t\t\t\t<h3 itemprop=\"headline\"><a href=\"https:\/\/www.psib-psoe.org\/mallorca\/els-socialistes-dandratx-diuen-no-a-un-pressupost-municipal-que-infla-ingressos-i-incrementa-la-taxa-de-fems-un-45\/\" title=\"Els Socialistes d\u2019Andratx diuen no a un pressupost municipal que infla ingressos i incrementa la taxa de fems un 45%\">Els Socialistes d\u2019Andratx diuen no a un pressupost municipal que infla ingressos i incrementa la taxa de fems un 45%<\/a><\/h3>\n\t\t\t<\/header>\n\t\t<\/div>\n\t\t<div class=\"post-content\">\n\t\t\t<a href=\"https:\/\/www.psib-psoe.org\/mallorca\/els-socialistes-dandratx-diuen-no-a-un-pressupost-municipal-que-infla-ingressos-i-incrementa-la-taxa-de-fems-un-45\/\" class=\"more-link\">Read More<\/a>\n\t\t<\/div>\n\t\t\t<aside class=\"post-bottom-meta hide\">\n\t\t<strong rel=\"author\" itemprop=\"author\" class=\"author vcard\"><span class=\"fn\">Albert<\/span><\/strong>\n\t\t<time class=\"date published time\" datetime=\"2025-11-27T15:21:39+02:00\" itemprop=\"datePublished\" content=\"2025-11-27T15:21:39+02:00\">27\/11\/2025<\/time>\n\t\t<meta itemprop=\"dateModified\" class=\"date updated\" content=\"2025-11-27T15:21:50+02:00\">\n\t\t<span class=\"hide\" itemprop=\"publisher\" itemscope itemtype=\"https:\/\/schema.org\/Organization\">\n\t\t\t<meta itemprop=\"name\" content=\"SocialistesdMca\">\n\t\t\t<span itemprop=\"logo\" itemscope itemtype=\"https:\/\/schema.org\/ImageObject\">\n\t\t\t\t<meta itemprop=\"url\" content=\"https:\/\/www.psib-psoe.org\/mallorca\/wp-content\/themes\/notio-wp\/assets\/img\/logo.png\">\n\t\t\t<\/span>\n\t\t\t<meta itemprop=\"url\" content=\"https:\/\/www.psib-psoe.org\/mallorca\/\">\n\t\t<\/span>\n\t\t\t\t<span class=\"hide\" itemprop=\"image\" itemscope itemtype=\"http:\/\/schema.org\/ImageObject\">\n\t\t\t<meta itemprop=\"url\" content=\"https:\/\/www.psib-psoe.org\/mallorca\/wp-content\/uploads\/Ple-pressupostos-Andratx-271125.jpeg\">\n\t\t\t<meta itemprop=\"width\" content=\"1600\">\n\t\t\t<meta itemprop=\"height\" content=\"1200\">\n\t\t<\/span>\n\t\t\t\t<meta itemscope itemprop=\"mainEntityOfPage\" itemtype=\"https:\/\/schema.org\/WebPage\" itemid=\"https:\/\/www.psib-psoe.org\/mallorca\/els-socialistes-dandratx-diuen-no-a-un-pressupost-municipal-que-infla-ingressos-i-incrementa-la-taxa-de-fems-un-45\/\">\n\t<\/aside>\n\t\t<\/article>\n<\/div>\n<div class=\"small-12 large-4 columns\">\n\t<article itemscope itemtype=\"http:\/\/schema.org\/Article\" class=\"post blog-style7 alt post-30692 type-post status-publish format-standard has-post-thumbnail hentry category-federacio-de-mallorca category-federacio-de-mallorca-portada category-municipis category-portada tag-amanda-fernandez tag-ares-fernandez tag-elsa-herranz tag-jaume-j-oliver tag-jaume-oliver tag-llucmajor tag-psib-psoe tag-sarenal tag-sarenal-de-llucmajor\" role=\"article\">\n\t\t<figure class=\"post-gallery\"><img loading=\"lazy\" decoding=\"async\" width=\"600\" height=\"400\" src=\"https:\/\/www.psib-psoe.org\/mallorca\/wp-content\/uploads\/ple-Llucmajor-030725-3-2-600x400.jpeg\" class=\"attachment-notio-general-x2 size-notio-general-x2 wp-post-image\" alt=\"\" srcset=\"https:\/\/www.psib-psoe.org\/mallorca\/wp-content\/uploads\/ple-Llucmajor-030725-3-2-600x400.jpeg 600w, https:\/\/www.psib-psoe.org\/mallorca\/wp-content\/uploads\/ple-Llucmajor-030725-3-2-300x200.jpeg 300w, https:\/\/www.psib-psoe.org\/mallorca\/wp-content\/uploads\/ple-Llucmajor-030725-3-2-900x600.jpeg 900w, https:\/\/www.psib-psoe.org\/mallorca\/wp-content\/uploads\/ple-Llucmajor-030725-3-2-20x13.jpeg 20w\" sizes=\"(max-width: 600px) 100vw, 600px\" \/><\/figure>\n\t\t<div class=\"blog-top\">\n\t\t\t<header class=\"post-title entry-header\">\n\t\t\t\t<aside class=\"post-meta cf\">\n\t\t26\/11\/2025 \/ <a href=\"https:\/\/www.psib-psoe.org\/mallorca\/category\/federacio-de-mallorca\/\" rel=\"category tag\">Federaci\u00f3 de Mallorca<\/a>, <a href=\"https:\/\/www.psib-psoe.org\/mallorca\/category\/federacio-de-mallorca-portada\/\" rel=\"category tag\">Federaci\u00f3 de Mallorca - Portada<\/a>, <a href=\"https:\/\/www.psib-psoe.org\/mallorca\/category\/municipis\/\" rel=\"category tag\">Municipis<\/a>, <a href=\"https:\/\/www.psib-psoe.org\/mallorca\/category\/portada\/\" rel=\"category tag\">Portada<\/a><\/aside>\n\t\t\t\t<h3 itemprop=\"headline\"><a href=\"https:\/\/www.psib-psoe.org\/mallorca\/el-grup-municipal-socialista-exigeix-solucions-urgents-a-la-greu-problematica-daparcament-a-sarenal-de-llucmajor\/\" title=\"El Grup Municipal Socialista exigeix solucions urgents a la greu problem\u00e0tica d\u2019aparcament a s\u2019Arenal de Llucmajor\">El Grup Municipal Socialista exigeix solucions urgents a la greu problem\u00e0tica d\u2019aparcament a s\u2019Arenal de Llucmajor<\/a><\/h3>\n\t\t\t<\/header>\n\t\t<\/div>\n\t\t<div class=\"post-content\">\n\t\t\t<a href=\"https:\/\/www.psib-psoe.org\/mallorca\/el-grup-municipal-socialista-exigeix-solucions-urgents-a-la-greu-problematica-daparcament-a-sarenal-de-llucmajor\/\" class=\"more-link\">Read More<\/a>\n\t\t<\/div>\n\t\t\t<aside class=\"post-bottom-meta hide\">\n\t\t<strong rel=\"author\" itemprop=\"author\" class=\"author vcard\"><span class=\"fn\">Albert<\/span><\/strong>\n\t\t<time class=\"date published time\" datetime=\"2025-11-26T16:15:18+02:00\" itemprop=\"datePublished\" content=\"2025-11-26T16:15:18+02:00\">26\/11\/2025<\/time>\n\t\t<meta itemprop=\"dateModified\" class=\"date updated\" content=\"2025-11-26T16:15:29+02:00\">\n\t\t<span class=\"hide\" itemprop=\"publisher\" itemscope itemtype=\"https:\/\/schema.org\/Organization\">\n\t\t\t<meta itemprop=\"name\" content=\"SocialistesdMca\">\n\t\t\t<span itemprop=\"logo\" itemscope itemtype=\"https:\/\/schema.org\/ImageObject\">\n\t\t\t\t<meta itemprop=\"url\" content=\"https:\/\/www.psib-psoe.org\/mallorca\/wp-content\/themes\/notio-wp\/assets\/img\/logo.png\">\n\t\t\t<\/span>\n\t\t\t<meta itemprop=\"url\" content=\"https:\/\/www.psib-psoe.org\/mallorca\/\">\n\t\t<\/span>\n\t\t\t\t<span class=\"hide\" itemprop=\"image\" itemscope itemtype=\"http:\/\/schema.org\/ImageObject\">\n\t\t\t<meta itemprop=\"url\" content=\"https:\/\/www.psib-psoe.org\/mallorca\/wp-content\/uploads\/ple-Llucmajor-030725-3-2.jpeg\">\n\t\t\t<meta itemprop=\"width\" content=\"2048\">\n\t\t\t<meta itemprop=\"height\" content=\"1886\">\n\t\t<\/span>\n\t\t\t\t<meta itemscope itemprop=\"mainEntityOfPage\" itemtype=\"https:\/\/schema.org\/WebPage\" itemid=\"https:\/\/www.psib-psoe.org\/mallorca\/el-grup-municipal-socialista-exigeix-solucions-urgents-a-la-greu-problematica-daparcament-a-sarenal-de-llucmajor\/\">\n\t<\/aside>\n\t\t<\/article>\n<\/div>\n<div class=\"small-12 large-4 columns\">\n\t<article itemscope itemtype=\"http:\/\/schema.org\/Article\" class=\"post blog-style7 alt post-30689 type-post status-publish format-standard has-post-thumbnail hentry category-federacio-de-mallorca category-federacio-de-mallorca-portada category-municipis category-portada tag-algaida tag-marga-fullana tag-margalida-fullana tag-psib-psoe\" role=\"article\">\n\t\t<figure class=\"post-gallery\"><img loading=\"lazy\" decoding=\"async\" width=\"600\" height=\"400\" src=\"https:\/\/www.psib-psoe.org\/mallorca\/wp-content\/uploads\/261125_Socialistes-Algaida-600x400.jpeg\" class=\"attachment-notio-general-x2 size-notio-general-x2 wp-post-image\" alt=\"\" srcset=\"https:\/\/www.psib-psoe.org\/mallorca\/wp-content\/uploads\/261125_Socialistes-Algaida-600x400.jpeg 600w, https:\/\/www.psib-psoe.org\/mallorca\/wp-content\/uploads\/261125_Socialistes-Algaida-300x200.jpeg 300w, https:\/\/www.psib-psoe.org\/mallorca\/wp-content\/uploads\/261125_Socialistes-Algaida-900x600.jpeg 900w, https:\/\/www.psib-psoe.org\/mallorca\/wp-content\/uploads\/261125_Socialistes-Algaida-20x13.jpeg 20w\" sizes=\"(max-width: 600px) 100vw, 600px\" \/><\/figure>\n\t\t<div class=\"blog-top\">\n\t\t\t<header class=\"post-title entry-header\">\n\t\t\t\t<aside class=\"post-meta cf\">\n\t\t26\/11\/2025 \/ <a href=\"https:\/\/www.psib-psoe.org\/mallorca\/category\/federacio-de-mallorca\/\" rel=\"category tag\">Federaci\u00f3 de Mallorca<\/a>, <a href=\"https:\/\/www.psib-psoe.org\/mallorca\/category\/federacio-de-mallorca-portada\/\" rel=\"category tag\">Federaci\u00f3 de Mallorca - Portada<\/a>, <a href=\"https:\/\/www.psib-psoe.org\/mallorca\/category\/municipis\/\" rel=\"category tag\">Municipis<\/a>, <a href=\"https:\/\/www.psib-psoe.org\/mallorca\/category\/portada\/\" rel=\"category tag\">Portada<\/a><\/aside>\n\t\t\t\t<h3 itemprop=\"headline\"><a href=\"https:\/\/www.psib-psoe.org\/mallorca\/els-socialistes-dalgaida-pina-i-randa-reclamen-al-consell-de-mallorca-la-cessio-de-la-ronda-a-lajuntament\/\" title=\"Els Socialistes d\u2019Algaida, Pina i Randa reclamen al Consell de Mallorca la cessi\u00f3 de la Ronda a l\u2019Ajuntament\">Els Socialistes d\u2019Algaida, Pina i Randa reclamen al Consell de Mallorca la cessi\u00f3 de la Ronda a l\u2019Ajuntament<\/a><\/h3>\n\t\t\t<\/header>\n\t\t<\/div>\n\t\t<div class=\"post-content\">\n\t\t\t<a href=\"https:\/\/www.psib-psoe.org\/mallorca\/els-socialistes-dalgaida-pina-i-randa-reclamen-al-consell-de-mallorca-la-cessio-de-la-ronda-a-lajuntament\/\" class=\"more-link\">Read More<\/a>\n\t\t<\/div>\n\t\t\t<aside class=\"post-bottom-meta hide\">\n\t\t<strong rel=\"author\" itemprop=\"author\" class=\"author vcard\"><span class=\"fn\">Marc<\/span><\/strong>\n\t\t<time class=\"date published time\" datetime=\"2025-11-26T15:08:18+02:00\" itemprop=\"datePublished\" content=\"2025-11-26T15:08:18+02:00\">26\/11\/2025<\/time>\n\t\t<meta itemprop=\"dateModified\" class=\"date updated\" content=\"2025-11-26T15:08:29+02:00\">\n\t\t<span class=\"hide\" itemprop=\"publisher\" itemscope itemtype=\"https:\/\/schema.org\/Organization\">\n\t\t\t<meta itemprop=\"name\" content=\"SocialistesdMca\">\n\t\t\t<span itemprop=\"logo\" itemscope itemtype=\"https:\/\/schema.org\/ImageObject\">\n\t\t\t\t<meta itemprop=\"url\" content=\"https:\/\/www.psib-psoe.org\/mallorca\/wp-content\/themes\/notio-wp\/assets\/img\/logo.png\">\n\t\t\t<\/span>\n\t\t\t<meta itemprop=\"url\" content=\"https:\/\/www.psib-psoe.org\/mallorca\/\">\n\t\t<\/span>\n\t\t\t\t<span class=\"hide\" itemprop=\"image\" itemscope itemtype=\"http:\/\/schema.org\/ImageObject\">\n\t\t\t<meta itemprop=\"url\" content=\"https:\/\/www.psib-psoe.org\/mallorca\/wp-content\/uploads\/261125_Socialistes-Algaida.jpeg\">\n\t\t\t<meta itemprop=\"width\" content=\"1280\">\n\t\t\t<meta itemprop=\"height\" content=\"934\">\n\t\t<\/span>\n\t\t\t\t<meta itemscope itemprop=\"mainEntityOfPage\" itemtype=\"https:\/\/schema.org\/WebPage\" itemid=\"https:\/\/www.psib-psoe.org\/mallorca\/els-socialistes-dalgaida-pina-i-randa-reclamen-al-consell-de-mallorca-la-cessio-de-la-ronda-a-lajuntament\/\">\n\t<\/aside>\n\t\t<\/article>\n<\/div>\n<div class=\"small-12 large-4 columns\">\n\t<article itemscope itemtype=\"http:\/\/schema.org\/Article\" class=\"post blog-style7 alt post-30686 type-post status-publish format-standard has-post-thumbnail hentry category-federacio-de-mallorca category-federacio-de-mallorca-portada category-municipis category-portada tag-amanda-fernandez tag-ares-fernandez tag-elsa-herranz tag-jaume-j-oliver tag-jaume-oliver tag-llucmajor tag-psib-psoe tag-sarenal tag-sarenal-de-llucmajor\" role=\"article\">\n\t\t<figure class=\"post-gallery\"><img loading=\"lazy\" decoding=\"async\" width=\"600\" height=\"400\" src=\"https:\/\/www.psib-psoe.org\/mallorca\/wp-content\/uploads\/250320-Executiva-Jaume-Mateu-600x400.jpg\" class=\"attachment-notio-general-x2 size-notio-general-x2 wp-post-image\" alt=\"\" srcset=\"https:\/\/www.psib-psoe.org\/mallorca\/wp-content\/uploads\/250320-Executiva-Jaume-Mateu-600x400.jpg 600w, https:\/\/www.psib-psoe.org\/mallorca\/wp-content\/uploads\/250320-Executiva-Jaume-Mateu-300x200.jpg 300w, https:\/\/www.psib-psoe.org\/mallorca\/wp-content\/uploads\/250320-Executiva-Jaume-Mateu-1024x683.jpg 1024w, https:\/\/www.psib-psoe.org\/mallorca\/wp-content\/uploads\/250320-Executiva-Jaume-Mateu-768x512.jpg 768w, https:\/\/www.psib-psoe.org\/mallorca\/wp-content\/uploads\/250320-Executiva-Jaume-Mateu-1536x1024.jpg 1536w, https:\/\/www.psib-psoe.org\/mallorca\/wp-content\/uploads\/250320-Executiva-Jaume-Mateu-2048x1365.jpg 2048w, https:\/\/www.psib-psoe.org\/mallorca\/wp-content\/uploads\/250320-Executiva-Jaume-Mateu-150x100.jpg 150w, https:\/\/www.psib-psoe.org\/mallorca\/wp-content\/uploads\/250320-Executiva-Jaume-Mateu-900x600.jpg 900w, https:\/\/www.psib-psoe.org\/mallorca\/wp-content\/uploads\/250320-Executiva-Jaume-Mateu-20x13.jpg 20w\" sizes=\"(max-width: 600px) 100vw, 600px\" \/><\/figure>\n\t\t<div class=\"blog-top\">\n\t\t\t<header class=\"post-title entry-header\">\n\t\t\t\t<aside class=\"post-meta cf\">\n\t\t26\/11\/2025 \/ <a href=\"https:\/\/www.psib-psoe.org\/mallorca\/category\/federacio-de-mallorca\/\" rel=\"category tag\">Federaci\u00f3 de Mallorca<\/a>, <a href=\"https:\/\/www.psib-psoe.org\/mallorca\/category\/federacio-de-mallorca-portada\/\" rel=\"category tag\">Federaci\u00f3 de Mallorca - Portada<\/a>, <a href=\"https:\/\/www.psib-psoe.org\/mallorca\/category\/municipis\/\" rel=\"category tag\">Municipis<\/a>, <a href=\"https:\/\/www.psib-psoe.org\/mallorca\/category\/portada\/\" rel=\"category tag\">Portada<\/a><\/aside>\n\t\t\t\t<h3 itemprop=\"headline\"><a href=\"https:\/\/www.psib-psoe.org\/mallorca\/els-socialistes-de-soller-denuncien-que-el-pp-renuncia-a-financar-la-reforma-de-la-carretera-del-desviament-i-les-millores-a-la-torre-picada-i-la-fabrica-nova\/\" title=\"Els Socialistes de S\u00f3ller denuncien que el PP renuncia a finan\u00e7ar la reforma de la carretera del desviament i les millores a la Torre Picada i la F\u00e0brica Nova\">Els Socialistes de S\u00f3ller denuncien que el PP renuncia a finan\u00e7ar la reforma de la carretera del desviament i les millores a la Torre Picada i la F\u00e0brica Nova<\/a><\/h3>\n\t\t\t<\/header>\n\t\t<\/div>\n\t\t<div class=\"post-content\">\n\t\t\t<a href=\"https:\/\/www.psib-psoe.org\/mallorca\/els-socialistes-de-soller-denuncien-que-el-pp-renuncia-a-financar-la-reforma-de-la-carretera-del-desviament-i-les-millores-a-la-torre-picada-i-la-fabrica-nova\/\" class=\"more-link\">Read More<\/a>\n\t\t<\/div>\n\t\t\t<aside class=\"post-bottom-meta hide\">\n\t\t<strong rel=\"author\" itemprop=\"author\" class=\"author vcard\"><span class=\"fn\">Marc<\/span><\/strong>\n\t\t<time class=\"date published time\" datetime=\"2025-11-26T14:35:55+02:00\" itemprop=\"datePublished\" content=\"2025-11-26T14:35:55+02:00\">26\/11\/2025<\/time>\n\t\t<meta itemprop=\"dateModified\" class=\"date updated\" content=\"2025-11-26T14:36:07+02:00\">\n\t\t<span class=\"hide\" itemprop=\"publisher\" itemscope itemtype=\"https:\/\/schema.org\/Organization\">\n\t\t\t<meta itemprop=\"name\" content=\"SocialistesdMca\">\n\t\t\t<span itemprop=\"logo\" itemscope itemtype=\"https:\/\/schema.org\/ImageObject\">\n\t\t\t\t<meta itemprop=\"url\" content=\"https:\/\/www.psib-psoe.org\/mallorca\/wp-content\/themes\/notio-wp\/assets\/img\/logo.png\">\n\t\t\t<\/span>\n\t\t\t<meta itemprop=\"url\" content=\"https:\/\/www.psib-psoe.org\/mallorca\/\">\n\t\t<\/span>\n\t\t\t\t<span class=\"hide\" itemprop=\"image\" itemscope itemtype=\"http:\/\/schema.org\/ImageObject\">\n\t\t\t<meta itemprop=\"url\" content=\"https:\/\/www.psib-psoe.org\/mallorca\/wp-content\/uploads\/250320-Executiva-Jaume-Mateu-scaled.jpg\">\n\t\t\t<meta itemprop=\"width\" content=\"2560\">\n\t\t\t<meta itemprop=\"height\" content=\"1707\">\n\t\t<\/span>\n\t\t\t\t<meta itemscope itemprop=\"mainEntityOfPage\" itemtype=\"https:\/\/schema.org\/WebPage\" itemid=\"https:\/\/www.psib-psoe.org\/mallorca\/els-socialistes-de-soller-denuncien-que-el-pp-renuncia-a-financar-la-reforma-de-la-carretera-del-desviament-i-les-millores-a-la-torre-picada-i-la-fabrica-nova\/\">\n\t<\/aside>\n\t\t<\/article>\n<\/div>\n<div class=\"small-12 large-4 columns\">\n\t<article itemscope itemtype=\"http:\/\/schema.org\/Article\" class=\"post blog-style7 alt post-30684 type-post status-publish format-standard has-post-thumbnail hentry category-federacio-de-mallorca category-federacio-de-mallorca-portada category-municipis category-portada tag-amanda-fernandez tag-ares-fernandez tag-elsa-herranz tag-jaume-j-oliver tag-jaume-oliver tag-llucmajor tag-psib-psoe tag-sarenal tag-sarenal-de-llucmajor\" role=\"article\">\n\t\t<figure class=\"post-gallery\"><img loading=\"lazy\" decoding=\"async\" width=\"600\" height=\"400\" src=\"https:\/\/www.psib-psoe.org\/mallorca\/wp-content\/uploads\/Ple-fems-291025-600x400.jpeg\" class=\"attachment-notio-general-x2 size-notio-general-x2 wp-post-image\" alt=\"\" srcset=\"https:\/\/www.psib-psoe.org\/mallorca\/wp-content\/uploads\/Ple-fems-291025-600x400.jpeg 600w, https:\/\/www.psib-psoe.org\/mallorca\/wp-content\/uploads\/Ple-fems-291025-300x200.jpeg 300w, https:\/\/www.psib-psoe.org\/mallorca\/wp-content\/uploads\/Ple-fems-291025-900x600.jpeg 900w, https:\/\/www.psib-psoe.org\/mallorca\/wp-content\/uploads\/Ple-fems-291025-20x13.jpeg 20w\" sizes=\"(max-width: 600px) 100vw, 600px\" \/><\/figure>\n\t\t<div class=\"blog-top\">\n\t\t\t<header class=\"post-title entry-header\">\n\t\t\t\t<aside class=\"post-meta cf\">\n\t\t25\/11\/2025 \/ <a href=\"https:\/\/www.psib-psoe.org\/mallorca\/category\/federacio-de-mallorca\/\" rel=\"category tag\">Federaci\u00f3 de Mallorca<\/a>, <a href=\"https:\/\/www.psib-psoe.org\/mallorca\/category\/federacio-de-mallorca-portada\/\" rel=\"category tag\">Federaci\u00f3 de Mallorca - Portada<\/a>, <a href=\"https:\/\/www.psib-psoe.org\/mallorca\/category\/municipis\/\" rel=\"category tag\">Municipis<\/a>, <a href=\"https:\/\/www.psib-psoe.org\/mallorca\/category\/portada\/\" rel=\"category tag\">Portada<\/a><\/aside>\n\t\t\t\t<h3 itemprop=\"headline\"><a href=\"https:\/\/www.psib-psoe.org\/mallorca\/el-grup-municipal-socialista-duu-al-ple-de-lajuntament-la-demanda-dun-espai-digne-i-definitiu-per-a-lescola-de-musica-i-arts-esceniques-de-llucmajor\/\" title=\"El Grup Municipal Socialista duu al ple de l\u2019Ajuntament la demanda d\u2019un espai digne i definitiu per a l\u2019Escola de M\u00fasica i Arts Esc\u00e8niques de Llucmajor.\">El Grup Municipal Socialista duu al ple de l\u2019Ajuntament la demanda d\u2019un espai digne i definitiu per a l\u2019Escola de M\u00fasica i Arts Esc\u00e8niques de Llucmajor.<\/a><\/h3>\n\t\t\t<\/header>\n\t\t<\/div>\n\t\t<div class=\"post-content\">\n\t\t\t<a href=\"https:\/\/www.psib-psoe.org\/mallorca\/el-grup-municipal-socialista-duu-al-ple-de-lajuntament-la-demanda-dun-espai-digne-i-definitiu-per-a-lescola-de-musica-i-arts-esceniques-de-llucmajor\/\" class=\"more-link\">Read More<\/a>\n\t\t<\/div>\n\t\t\t<aside class=\"post-bottom-meta hide\">\n\t\t<strong rel=\"author\" itemprop=\"author\" class=\"author vcard\"><span class=\"fn\">Albert<\/span><\/strong>\n\t\t<time class=\"date published time\" datetime=\"2025-11-25T15:25:33+02:00\" itemprop=\"datePublished\" content=\"2025-11-25T15:25:33+02:00\">25\/11\/2025<\/time>\n\t\t<meta itemprop=\"dateModified\" class=\"date updated\" content=\"2025-11-25T15:25:44+02:00\">\n\t\t<span class=\"hide\" itemprop=\"publisher\" itemscope itemtype=\"https:\/\/schema.org\/Organization\">\n\t\t\t<meta itemprop=\"name\" content=\"SocialistesdMca\">\n\t\t\t<span itemprop=\"logo\" itemscope itemtype=\"https:\/\/schema.org\/ImageObject\">\n\t\t\t\t<meta itemprop=\"url\" content=\"https:\/\/www.psib-psoe.org\/mallorca\/wp-content\/themes\/notio-wp\/assets\/img\/logo.png\">\n\t\t\t<\/span>\n\t\t\t<meta itemprop=\"url\" content=\"https:\/\/www.psib-psoe.org\/mallorca\/\">\n\t\t<\/span>\n\t\t\t\t<span class=\"hide\" itemprop=\"image\" itemscope itemtype=\"http:\/\/schema.org\/ImageObject\">\n\t\t\t<meta itemprop=\"url\" content=\"https:\/\/www.psib-psoe.org\/mallorca\/wp-content\/uploads\/Ple-fems-291025.jpeg\">\n\t\t\t<meta itemprop=\"width\" content=\"1024\">\n\t\t\t<meta itemprop=\"height\" content=\"768\">\n\t\t<\/span>\n\t\t\t\t<meta itemscope itemprop=\"mainEntityOfPage\" itemtype=\"https:\/\/schema.org\/WebPage\" itemid=\"https:\/\/www.psib-psoe.org\/mallorca\/el-grup-municipal-socialista-duu-al-ple-de-lajuntament-la-demanda-dun-espai-digne-i-definitiu-per-a-lescola-de-musica-i-arts-esceniques-de-llucmajor\/\">\n\t<\/aside>\n\t\t<\/article>\n<\/div>\n<div class=\"small-12 large-4 columns\">\n\t<article itemscope itemtype=\"http:\/\/schema.org\/Article\" class=\"post blog-style7 alt post-30681 type-post status-publish format-standard has-post-thumbnail hentry category-federacio-de-mallorca category-federacio-de-mallorca-portada category-municipis category-portada tag-amanda-fernandez tag-andreu-serra tag-ares-fernandez tag-bea-gamundi tag-biel-alomar tag-catalina-cladera tag-consell-de-mallorca tag-federacio-socialista-de-mallorca tag-jaume-mateu tag-joan-mendez-2 tag-juana-m-adrover tag-psib-psoe tag-sofia-alonso\" role=\"article\">\n\t\t<figure class=\"post-gallery\"><img loading=\"lazy\" decoding=\"async\" width=\"600\" height=\"400\" src=\"https:\/\/www.psib-psoe.org\/mallorca\/wp-content\/uploads\/Ple-pressupostos-241125-600x400.jpeg\" class=\"attachment-notio-general-x2 size-notio-general-x2 wp-post-image\" alt=\"\" srcset=\"https:\/\/www.psib-psoe.org\/mallorca\/wp-content\/uploads\/Ple-pressupostos-241125-600x400.jpeg 600w, https:\/\/www.psib-psoe.org\/mallorca\/wp-content\/uploads\/Ple-pressupostos-241125-300x200.jpeg 300w, https:\/\/www.psib-psoe.org\/mallorca\/wp-content\/uploads\/Ple-pressupostos-241125-900x600.jpeg 900w, https:\/\/www.psib-psoe.org\/mallorca\/wp-content\/uploads\/Ple-pressupostos-241125-20x13.jpeg 20w\" sizes=\"(max-width: 600px) 100vw, 600px\" \/><\/figure>\n\t\t<div class=\"blog-top\">\n\t\t\t<header class=\"post-title entry-header\">\n\t\t\t\t<aside class=\"post-meta cf\">\n\t\t24\/11\/2025 \/ <a href=\"https:\/\/www.psib-psoe.org\/mallorca\/category\/federacio-de-mallorca\/\" rel=\"category tag\">Federaci\u00f3 de Mallorca<\/a>, <a href=\"https:\/\/www.psib-psoe.org\/mallorca\/category\/federacio-de-mallorca-portada\/\" rel=\"category tag\">Federaci\u00f3 de Mallorca - Portada<\/a>, <a href=\"https:\/\/www.psib-psoe.org\/mallorca\/category\/municipis\/\" rel=\"category tag\">Municipis<\/a>, <a href=\"https:\/\/www.psib-psoe.org\/mallorca\/category\/portada\/\" rel=\"category tag\">Portada<\/a><\/aside>\n\t\t\t\t<h3 itemprop=\"headline\"><a href=\"https:\/\/www.psib-psoe.org\/mallorca\/ppvox-al-consell-lamina-loposicio-i-passa-per-damunt-de-les-tres-esmenes-a-la-totalitat-i-de-les-prop-de-250-esmenes-parcials-presentades-al-projecte-de-pressuposts-de-2026\/\" title=\"PPVox al Consell lamina l\u2019oposici\u00f3 i passa per damunt de les tres esmenes a la totalitat i de les prop de 250 esmenes parcials presentades al projecte de pressuposts de 2026.\">PPVox al Consell lamina l\u2019oposici\u00f3 i passa per damunt de les tres esmenes a la totalitat i de les prop de 250 esmenes parcials presentades al projecte de pressuposts de 2026.<\/a><\/h3>\n\t\t\t<\/header>\n\t\t<\/div>\n\t\t<div class=\"post-content\">\n\t\t\t<a href=\"https:\/\/www.psib-psoe.org\/mallorca\/ppvox-al-consell-lamina-loposicio-i-passa-per-damunt-de-les-tres-esmenes-a-la-totalitat-i-de-les-prop-de-250-esmenes-parcials-presentades-al-projecte-de-pressuposts-de-2026\/\" class=\"more-link\">Read More<\/a>\n\t\t<\/div>\n\t\t\t<aside class=\"post-bottom-meta hide\">\n\t\t<strong rel=\"author\" itemprop=\"author\" class=\"author vcard\"><span class=\"fn\">Albert<\/span><\/strong>\n\t\t<time class=\"date published time\" datetime=\"2025-11-24T15:39:04+02:00\" itemprop=\"datePublished\" content=\"2025-11-24T15:39:04+02:00\">24\/11\/2025<\/time>\n\t\t<meta itemprop=\"dateModified\" class=\"date updated\" content=\"2025-11-24T15:39:16+02:00\">\n\t\t<span class=\"hide\" itemprop=\"publisher\" itemscope itemtype=\"https:\/\/schema.org\/Organization\">\n\t\t\t<meta itemprop=\"name\" content=\"SocialistesdMca\">\n\t\t\t<span itemprop=\"logo\" itemscope itemtype=\"https:\/\/schema.org\/ImageObject\">\n\t\t\t\t<meta itemprop=\"url\" content=\"https:\/\/www.psib-psoe.org\/mallorca\/wp-content\/themes\/notio-wp\/assets\/img\/logo.png\">\n\t\t\t<\/span>\n\t\t\t<meta itemprop=\"url\" content=\"https:\/\/www.psib-psoe.org\/mallorca\/\">\n\t\t<\/span>\n\t\t\t\t<span class=\"hide\" itemprop=\"image\" itemscope itemtype=\"http:\/\/schema.org\/ImageObject\">\n\t\t\t<meta itemprop=\"url\" content=\"https:\/\/www.psib-psoe.org\/mallorca\/wp-content\/uploads\/Ple-pressupostos-241125.jpeg\">\n\t\t\t<meta itemprop=\"width\" content=\"1600\">\n\t\t\t<meta itemprop=\"height\" content=\"1200\">\n\t\t<\/span>\n\t\t\t\t<meta itemscope itemprop=\"mainEntityOfPage\" itemtype=\"https:\/\/schema.org\/WebPage\" itemid=\"https:\/\/www.psib-psoe.org\/mallorca\/ppvox-al-consell-lamina-loposicio-i-passa-per-damunt-de-les-tres-esmenes-a-la-totalitat-i-de-les-prop-de-250-esmenes-parcials-presentades-al-projecte-de-pressuposts-de-2026\/\">\n\t<\/aside>\n\t\t<\/article>\n<\/div>\n<div class=\"small-12 large-4 columns\">\n\t<article itemscope itemtype=\"http:\/\/schema.org\/Article\" class=\"post blog-style7 alt post-30677 type-post status-publish format-standard has-post-thumbnail hentry category-federacio-de-mallorca category-federacio-de-mallorca-portada category-municipis category-portada tag-agrupacio-socialista-de-son-servera tag-federacio-socialista-de-mallorca tag-psib-psoe tag-remedios-canadas tag-son-servera\" role=\"article\">\n\t\t<figure class=\"post-gallery\"><img loading=\"lazy\" decoding=\"async\" width=\"600\" height=\"400\" src=\"https:\/\/www.psib-psoe.org\/mallorca\/wp-content\/uploads\/211125_Socialistes-Son-Servera-600x400.jpg\" class=\"attachment-notio-general-x2 size-notio-general-x2 wp-post-image\" alt=\"\" srcset=\"https:\/\/www.psib-psoe.org\/mallorca\/wp-content\/uploads\/211125_Socialistes-Son-Servera-600x400.jpg 600w, https:\/\/www.psib-psoe.org\/mallorca\/wp-content\/uploads\/211125_Socialistes-Son-Servera-300x200.jpg 300w, https:\/\/www.psib-psoe.org\/mallorca\/wp-content\/uploads\/211125_Socialistes-Son-Servera-900x600.jpg 900w, https:\/\/www.psib-psoe.org\/mallorca\/wp-content\/uploads\/211125_Socialistes-Son-Servera-20x13.jpg 20w\" sizes=\"(max-width: 600px) 100vw, 600px\" \/><\/figure>\n\t\t<div class=\"blog-top\">\n\t\t\t<header class=\"post-title entry-header\">\n\t\t\t\t<aside class=\"post-meta cf\">\n\t\t21\/11\/2025 \/ <a href=\"https:\/\/www.psib-psoe.org\/mallorca\/category\/federacio-de-mallorca\/\" rel=\"category tag\">Federaci\u00f3 de Mallorca<\/a>, <a href=\"https:\/\/www.psib-psoe.org\/mallorca\/category\/federacio-de-mallorca-portada\/\" rel=\"category tag\">Federaci\u00f3 de Mallorca - Portada<\/a>, <a href=\"https:\/\/www.psib-psoe.org\/mallorca\/category\/municipis\/\" rel=\"category tag\">Municipis<\/a>, <a href=\"https:\/\/www.psib-psoe.org\/mallorca\/category\/portada\/\" rel=\"category tag\">Portada<\/a><\/aside>\n\t\t\t\t<h3 itemprop=\"headline\"><a href=\"https:\/\/www.psib-psoe.org\/mallorca\/els-socialistes-de-son-servera-recriminen-la-falta-de-transparencia-per-part-de-lajuntament-que-ha-afegit-3-punts-durgencia-al-plenari-sense-enviar-tota-la-documen\/\" title=\"Els Socialistes de Son Servera recriminen la \u201cfalta de transpar\u00e8ncia\u201d per part de l\u2019Ajuntament, que ha afegit 3 punts d\u2019urg\u00e8ncia al plenari sense enviar tota la documentaci\u00f3 a tots els partits pol\u00edtics\">Els Socialistes de Son Servera recriminen la \u201cfalta de transpar\u00e8ncia\u201d per part de l\u2019Ajuntament, que ha afegit 3 punts d\u2019urg\u00e8ncia al plenari sense enviar tota la documentaci\u00f3 a tots els partits pol\u00edtics<\/a><\/h3>\n\t\t\t<\/header>\n\t\t<\/div>\n\t\t<div class=\"post-content\">\n\t\t\t<a href=\"https:\/\/www.psib-psoe.org\/mallorca\/els-socialistes-de-son-servera-recriminen-la-falta-de-transparencia-per-part-de-lajuntament-que-ha-afegit-3-punts-durgencia-al-plenari-sense-enviar-tota-la-documen\/\" class=\"more-link\">Read More<\/a>\n\t\t<\/div>\n\t\t\t<aside class=\"post-bottom-meta hide\">\n\t\t<strong rel=\"author\" itemprop=\"author\" class=\"author vcard\"><span class=\"fn\">Marc<\/span><\/strong>\n\t\t<time class=\"date published time\" datetime=\"2025-11-21T17:18:39+02:00\" itemprop=\"datePublished\" content=\"2025-11-21T17:18:39+02:00\">21\/11\/2025<\/time>\n\t\t<meta itemprop=\"dateModified\" class=\"date updated\" content=\"2025-11-21T17:22:52+02:00\">\n\t\t<span class=\"hide\" itemprop=\"publisher\" itemscope itemtype=\"https:\/\/schema.org\/Organization\">\n\t\t\t<meta itemprop=\"name\" content=\"SocialistesdMca\">\n\t\t\t<span itemprop=\"logo\" itemscope itemtype=\"https:\/\/schema.org\/ImageObject\">\n\t\t\t\t<meta itemprop=\"url\" content=\"https:\/\/www.psib-psoe.org\/mallorca\/wp-content\/themes\/notio-wp\/assets\/img\/logo.png\">\n\t\t\t<\/span>\n\t\t\t<meta itemprop=\"url\" content=\"https:\/\/www.psib-psoe.org\/mallorca\/\">\n\t\t<\/span>\n\t\t\t\t<span class=\"hide\" itemprop=\"image\" itemscope itemtype=\"http:\/\/schema.org\/ImageObject\">\n\t\t\t<meta itemprop=\"url\" content=\"https:\/\/www.psib-psoe.org\/mallorca\/wp-content\/uploads\/211125_Socialistes-Son-Servera-scaled.jpg\">\n\t\t\t<meta itemprop=\"width\" content=\"2560\">\n\t\t\t<meta itemprop=\"height\" content=\"1920\">\n\t\t<\/span>\n\t\t\t\t<meta itemscope itemprop=\"mainEntityOfPage\" itemtype=\"https:\/\/schema.org\/WebPage\" itemid=\"https:\/\/www.psib-psoe.org\/mallorca\/els-socialistes-de-son-servera-recriminen-la-falta-de-transparencia-per-part-de-lajuntament-que-ha-afegit-3-punts-durgencia-al-plenari-sense-enviar-tota-la-documen\/\">\n\t<\/aside>\n\t\t<\/article>\n<\/div>\n<div class=\"small-12 large-4 columns\">\n\t<article itemscope itemtype=\"http:\/\/schema.org\/Article\" class=\"post blog-style7 alt post-30672 type-post status-publish format-standard has-post-thumbnail hentry category-federacio-de-mallorca category-federacio-de-mallorca-portada category-municipis category-portada tag-amanda-fernandez tag-andreu-serra tag-ares-fernandez tag-bea-gamundi tag-biel-alomar tag-catalina-cladera tag-consell-de-mallorca tag-federacio-socialista-de-mallorca tag-jaume-mateu tag-joan-mendez-2 tag-juana-m-adrover tag-psib-psoe tag-sofia-alonso\" role=\"article\">\n\t\t<figure class=\"post-gallery\"><img loading=\"lazy\" decoding=\"async\" width=\"600\" height=\"400\" src=\"https:\/\/www.psib-psoe.org\/mallorca\/wp-content\/uploads\/Cladera-rdp-211125-600x400.jpeg\" class=\"attachment-notio-general-x2 size-notio-general-x2 wp-post-image\" alt=\"\" srcset=\"https:\/\/www.psib-psoe.org\/mallorca\/wp-content\/uploads\/Cladera-rdp-211125-600x400.jpeg 600w, https:\/\/www.psib-psoe.org\/mallorca\/wp-content\/uploads\/Cladera-rdp-211125-300x200.jpeg 300w, https:\/\/www.psib-psoe.org\/mallorca\/wp-content\/uploads\/Cladera-rdp-211125-900x600.jpeg 900w, https:\/\/www.psib-psoe.org\/mallorca\/wp-content\/uploads\/Cladera-rdp-211125-20x13.jpeg 20w\" sizes=\"(max-width: 600px) 100vw, 600px\" \/><\/figure>\n\t\t<div class=\"blog-top\">\n\t\t\t<header class=\"post-title entry-header\">\n\t\t\t\t<aside class=\"post-meta cf\">\n\t\t21\/11\/2025 \/ <a href=\"https:\/\/www.psib-psoe.org\/mallorca\/category\/federacio-de-mallorca\/\" rel=\"category tag\">Federaci\u00f3 de Mallorca<\/a>, <a href=\"https:\/\/www.psib-psoe.org\/mallorca\/category\/federacio-de-mallorca-portada\/\" rel=\"category tag\">Federaci\u00f3 de Mallorca - Portada<\/a>, <a href=\"https:\/\/www.psib-psoe.org\/mallorca\/category\/municipis\/\" rel=\"category tag\">Municipis<\/a>, <a href=\"https:\/\/www.psib-psoe.org\/mallorca\/category\/portada\/\" rel=\"category tag\">Portada<\/a><\/aside>\n\t\t\t\t<h3 itemprop=\"headline\"><a href=\"https:\/\/www.psib-psoe.org\/mallorca\/el-grup-socialista-esmena-el-pressupost-del-consell-de-mallorca-per-2026-davant-de-la-cessio-als-xantatges-de-la-ultradreta-i-la-mala-gestio-de-galmes\/\" title=\"El Grup Socialista esmena el pressupost del Consell de Mallorca per 2026 davant de la cessi\u00f3 als xantatges de la ultradreta i la mala gesti\u00f3 de Galm\u00e9s.\">El Grup Socialista esmena el pressupost del Consell de Mallorca per 2026 davant de la cessi\u00f3 als xantatges de la ultradreta i la mala gesti\u00f3 de Galm\u00e9s.<\/a><\/h3>\n\t\t\t<\/header>\n\t\t<\/div>\n\t\t<div class=\"post-content\">\n\t\t\t<a href=\"https:\/\/www.psib-psoe.org\/mallorca\/el-grup-socialista-esmena-el-pressupost-del-consell-de-mallorca-per-2026-davant-de-la-cessio-als-xantatges-de-la-ultradreta-i-la-mala-gestio-de-galmes\/\" class=\"more-link\">Read More<\/a>\n\t\t<\/div>\n\t\t\t<aside class=\"post-bottom-meta hide\">\n\t\t<strong rel=\"author\" itemprop=\"author\" class=\"author vcard\"><span class=\"fn\">Albert<\/span><\/strong>\n\t\t<time class=\"date published time\" datetime=\"2025-11-21T14:40:56+02:00\" itemprop=\"datePublished\" content=\"2025-11-21T14:40:56+02:00\">21\/11\/2025<\/time>\n\t\t<meta itemprop=\"dateModified\" class=\"date updated\" content=\"2025-11-21T14:41:08+02:00\">\n\t\t<span class=\"hide\" itemprop=\"publisher\" itemscope itemtype=\"https:\/\/schema.org\/Organization\">\n\t\t\t<meta itemprop=\"name\" content=\"SocialistesdMca\">\n\t\t\t<span itemprop=\"logo\" itemscope itemtype=\"https:\/\/schema.org\/ImageObject\">\n\t\t\t\t<meta itemprop=\"url\" content=\"https:\/\/www.psib-psoe.org\/mallorca\/wp-content\/themes\/notio-wp\/assets\/img\/logo.png\">\n\t\t\t<\/span>\n\t\t\t<meta itemprop=\"url\" content=\"https:\/\/www.psib-psoe.org\/mallorca\/\">\n\t\t<\/span>\n\t\t\t\t<span class=\"hide\" itemprop=\"image\" itemscope itemtype=\"http:\/\/schema.org\/ImageObject\">\n\t\t\t<meta itemprop=\"url\" content=\"https:\/\/www.psib-psoe.org\/mallorca\/wp-content\/uploads\/Cladera-rdp-211125.jpeg\">\n\t\t\t<meta itemprop=\"width\" content=\"2560\">\n\t\t\t<meta itemprop=\"height\" content=\"1920\">\n\t\t<\/span>\n\t\t\t\t<meta itemscope itemprop=\"mainEntityOfPage\" itemtype=\"https:\/\/schema.org\/WebPage\" itemid=\"https:\/\/www.psib-psoe.org\/mallorca\/el-grup-socialista-esmena-el-pressupost-del-consell-de-mallorca-per-2026-davant-de-la-cessio-als-xantatges-de-la-ultradreta-i-la-mala-gestio-de-galmes\/\">\n\t<\/aside>\n\t\t<\/article>\n<\/div>\n<div class=\"small-12 large-4 columns\">\n\t<article itemscope itemtype=\"http:\/\/schema.org\/Article\" class=\"post blog-style7 alt post-30669 type-post status-publish format-standard has-post-thumbnail hentry category-federacio-de-mallorca category-federacio-de-mallorca-portada category-municipis category-portada tag-agrupacio-socialista-de-sineu tag-amanda-fernandez tag-ares-fernandez tag-barbara-calvo tag-bea-gamundi tag-catalina-cladera tag-federacio-socialista-de-mallorca tag-jose-manuel-garcia-2 tag-tolo-aguilar\" role=\"article\">\n\t\t<figure class=\"post-gallery\"><img loading=\"lazy\" decoding=\"async\" width=\"600\" height=\"400\" src=\"https:\/\/www.psib-psoe.org\/mallorca\/wp-content\/uploads\/Jose-Manuel-Sineu-600x400.jpeg\" class=\"attachment-notio-general-x2 size-notio-general-x2 wp-post-image\" alt=\"\" srcset=\"https:\/\/www.psib-psoe.org\/mallorca\/wp-content\/uploads\/Jose-Manuel-Sineu-600x400.jpeg 600w, https:\/\/www.psib-psoe.org\/mallorca\/wp-content\/uploads\/Jose-Manuel-Sineu-300x200.jpeg 300w, https:\/\/www.psib-psoe.org\/mallorca\/wp-content\/uploads\/Jose-Manuel-Sineu-1024x682.jpeg 1024w, https:\/\/www.psib-psoe.org\/mallorca\/wp-content\/uploads\/Jose-Manuel-Sineu-768x512.jpeg 768w, https:\/\/www.psib-psoe.org\/mallorca\/wp-content\/uploads\/Jose-Manuel-Sineu-1536x1024.jpeg 1536w, https:\/\/www.psib-psoe.org\/mallorca\/wp-content\/uploads\/Jose-Manuel-Sineu-2048x1365.jpeg 2048w, https:\/\/www.psib-psoe.org\/mallorca\/wp-content\/uploads\/Jose-Manuel-Sineu-150x100.jpeg 150w, https:\/\/www.psib-psoe.org\/mallorca\/wp-content\/uploads\/Jose-Manuel-Sineu-900x600.jpeg 900w, https:\/\/www.psib-psoe.org\/mallorca\/wp-content\/uploads\/Jose-Manuel-Sineu-20x13.jpeg 20w\" sizes=\"(max-width: 600px) 100vw, 600px\" \/><\/figure>\n\t\t<div class=\"blog-top\">\n\t\t\t<header class=\"post-title entry-header\">\n\t\t\t\t<aside class=\"post-meta cf\">\n\t\t20\/11\/2025 \/ <a href=\"https:\/\/www.psib-psoe.org\/mallorca\/category\/federacio-de-mallorca\/\" rel=\"category tag\">Federaci\u00f3 de Mallorca<\/a>, <a href=\"https:\/\/www.psib-psoe.org\/mallorca\/category\/federacio-de-mallorca-portada\/\" rel=\"category tag\">Federaci\u00f3 de Mallorca - Portada<\/a>, <a href=\"https:\/\/www.psib-psoe.org\/mallorca\/category\/municipis\/\" rel=\"category tag\">Municipis<\/a>, <a href=\"https:\/\/www.psib-psoe.org\/mallorca\/category\/portada\/\" rel=\"category tag\">Portada<\/a><\/aside>\n\t\t\t\t<h3 itemprop=\"headline\"><a href=\"https:\/\/www.psib-psoe.org\/mallorca\/els-socialistes-de-sineu-demanen-rebaixar-la-mida-de-les-futures-explotacions-ramaderes-al-municipi-en-les-noves-normes-subsidiaries\/\" title=\"Els Socialistes de Sineu demanen rebaixar la mida de les futures explotacions ramaderes al municipi en les noves Normes Subsidi\u00e0ries.\">Els Socialistes de Sineu demanen rebaixar la mida de les futures explotacions ramaderes al municipi en les noves Normes Subsidi\u00e0ries.<\/a><\/h3>\n\t\t\t<\/header>\n\t\t<\/div>\n\t\t<div class=\"post-content\">\n\t\t\t<a href=\"https:\/\/www.psib-psoe.org\/mallorca\/els-socialistes-de-sineu-demanen-rebaixar-la-mida-de-les-futures-explotacions-ramaderes-al-municipi-en-les-noves-normes-subsidiaries\/\" class=\"more-link\">Read More<\/a>\n\t\t<\/div>\n\t\t\t<aside class=\"post-bottom-meta hide\">\n\t\t<strong rel=\"author\" itemprop=\"author\" class=\"author vcard\"><span class=\"fn\">Albert<\/span><\/strong>\n\t\t<time class=\"date published time\" datetime=\"2025-11-20T14:07:50+02:00\" itemprop=\"datePublished\" content=\"2025-11-20T14:07:50+02:00\">20\/11\/2025<\/time>\n\t\t<meta itemprop=\"dateModified\" class=\"date updated\" content=\"2025-11-20T14:08:02+02:00\">\n\t\t<span class=\"hide\" itemprop=\"publisher\" itemscope itemtype=\"https:\/\/schema.org\/Organization\">\n\t\t\t<meta itemprop=\"name\" content=\"SocialistesdMca\">\n\t\t\t<span itemprop=\"logo\" itemscope itemtype=\"https:\/\/schema.org\/ImageObject\">\n\t\t\t\t<meta itemprop=\"url\" content=\"https:\/\/www.psib-psoe.org\/mallorca\/wp-content\/themes\/notio-wp\/assets\/img\/logo.png\">\n\t\t\t<\/span>\n\t\t\t<meta itemprop=\"url\" content=\"https:\/\/www.psib-psoe.org\/mallorca\/\">\n\t\t<\/span>\n\t\t\t\t<span class=\"hide\" itemprop=\"image\" itemscope itemtype=\"http:\/\/schema.org\/ImageObject\">\n\t\t\t<meta itemprop=\"url\" content=\"https:\/\/www.psib-psoe.org\/mallorca\/wp-content\/uploads\/Jose-Manuel-Sineu.jpeg\">\n\t\t\t<meta itemprop=\"width\" content=\"2560\">\n\t\t\t<meta itemprop=\"height\" content=\"1706\">\n\t\t<\/span>\n\t\t\t\t<meta itemscope itemprop=\"mainEntityOfPage\" itemtype=\"https:\/\/schema.org\/WebPage\" itemid=\"https:\/\/www.psib-psoe.org\/mallorca\/els-socialistes-de-sineu-demanen-rebaixar-la-mida-de-les-futures-explotacions-ramaderes-al-municipi-en-les-noves-normes-subsidiaries\/\">\n\t<\/aside>\n\t\t<\/article>\n<\/div>\n<div class=\"small-12 large-4 columns\">\n\t<article itemscope itemtype=\"http:\/\/schema.org\/Article\" class=\"post blog-style7 alt post-30667 type-post status-publish format-standard has-post-thumbnail hentry category-federacio-de-mallorca category-federacio-de-mallorca-portada category-municipis category-portada tag-federacio-socialista-de-mallorca tag-jaume-mateu tag-psib-psoe tag-soller-2\" role=\"article\">\n\t\t<figure class=\"post-gallery\"><img loading=\"lazy\" decoding=\"async\" width=\"600\" height=\"400\" src=\"https:\/\/www.psib-psoe.org\/mallorca\/wp-content\/uploads\/250320-Executiva-Jaume-Mateu-600x400.jpg\" class=\"attachment-notio-general-x2 size-notio-general-x2 wp-post-image\" alt=\"\" srcset=\"https:\/\/www.psib-psoe.org\/mallorca\/wp-content\/uploads\/250320-Executiva-Jaume-Mateu-600x400.jpg 600w, https:\/\/www.psib-psoe.org\/mallorca\/wp-content\/uploads\/250320-Executiva-Jaume-Mateu-300x200.jpg 300w, https:\/\/www.psib-psoe.org\/mallorca\/wp-content\/uploads\/250320-Executiva-Jaume-Mateu-1024x683.jpg 1024w, https:\/\/www.psib-psoe.org\/mallorca\/wp-content\/uploads\/250320-Executiva-Jaume-Mateu-768x512.jpg 768w, https:\/\/www.psib-psoe.org\/mallorca\/wp-content\/uploads\/250320-Executiva-Jaume-Mateu-1536x1024.jpg 1536w, https:\/\/www.psib-psoe.org\/mallorca\/wp-content\/uploads\/250320-Executiva-Jaume-Mateu-2048x1365.jpg 2048w, https:\/\/www.psib-psoe.org\/mallorca\/wp-content\/uploads\/250320-Executiva-Jaume-Mateu-150x100.jpg 150w, https:\/\/www.psib-psoe.org\/mallorca\/wp-content\/uploads\/250320-Executiva-Jaume-Mateu-900x600.jpg 900w, https:\/\/www.psib-psoe.org\/mallorca\/wp-content\/uploads\/250320-Executiva-Jaume-Mateu-20x13.jpg 20w\" sizes=\"(max-width: 600px) 100vw, 600px\" \/><\/figure>\n\t\t<div class=\"blog-top\">\n\t\t\t<header class=\"post-title entry-header\">\n\t\t\t\t<aside class=\"post-meta cf\">\n\t\t19\/11\/2025 \/ <a href=\"https:\/\/www.psib-psoe.org\/mallorca\/category\/federacio-de-mallorca\/\" rel=\"category tag\">Federaci\u00f3 de Mallorca<\/a>, <a href=\"https:\/\/www.psib-psoe.org\/mallorca\/category\/federacio-de-mallorca-portada\/\" rel=\"category tag\">Federaci\u00f3 de Mallorca - Portada<\/a>, <a href=\"https:\/\/www.psib-psoe.org\/mallorca\/category\/municipis\/\" rel=\"category tag\">Municipis<\/a>, <a href=\"https:\/\/www.psib-psoe.org\/mallorca\/category\/portada\/\" rel=\"category tag\">Portada<\/a><\/aside>\n\t\t\t\t<h3 itemprop=\"headline\"><a href=\"https:\/\/www.psib-psoe.org\/mallorca\/els-socialistes-de-soller-rebutgen-el-projecte-de-teixidores-previst-per-libavi-i-demanen-a-lajuntament-que-cerqui-alternatives-per-poder-incrementar-el-parc-public-dhabitat\/\" title=\"Els Socialistes de S\u00f3ller rebutgen el projecte de Teixidores previst per l\u2019IBAVI i demanen a l\u2019Ajuntament que cerqui alternatives per poder incrementar el parc p\u00fablic d\u2019habitatge\">Els Socialistes de S\u00f3ller rebutgen el projecte de Teixidores previst per l\u2019IBAVI i demanen a l\u2019Ajuntament que cerqui alternatives per poder incrementar el parc p\u00fablic d\u2019habitatge<\/a><\/h3>\n\t\t\t<\/header>\n\t\t<\/div>\n\t\t<div class=\"post-content\">\n\t\t\t<a href=\"https:\/\/www.psib-psoe.org\/mallorca\/els-socialistes-de-soller-rebutgen-el-projecte-de-teixidores-previst-per-libavi-i-demanen-a-lajuntament-que-cerqui-alternatives-per-poder-incrementar-el-parc-public-dhabitat\/\" class=\"more-link\">Read More<\/a>\n\t\t<\/div>\n\t\t\t<aside class=\"post-bottom-meta hide\">\n\t\t<strong rel=\"author\" itemprop=\"author\" class=\"author vcard\"><span class=\"fn\">Albert<\/span><\/strong>\n\t\t<time class=\"date published time\" datetime=\"2025-11-19T14:13:37+02:00\" itemprop=\"datePublished\" content=\"2025-11-19T14:13:37+02:00\">19\/11\/2025<\/time>\n\t\t<meta itemprop=\"dateModified\" class=\"date updated\" content=\"2025-11-19T14:13:48+02:00\">\n\t\t<span class=\"hide\" itemprop=\"publisher\" itemscope itemtype=\"https:\/\/schema.org\/Organization\">\n\t\t\t<meta itemprop=\"name\" content=\"SocialistesdMca\">\n\t\t\t<span itemprop=\"logo\" itemscope itemtype=\"https:\/\/schema.org\/ImageObject\">\n\t\t\t\t<meta itemprop=\"url\" content=\"https:\/\/www.psib-psoe.org\/mallorca\/wp-content\/themes\/notio-wp\/assets\/img\/logo.png\">\n\t\t\t<\/span>\n\t\t\t<meta itemprop=\"url\" content=\"https:\/\/www.psib-psoe.org\/mallorca\/\">\n\t\t<\/span>\n\t\t\t\t<span class=\"hide\" itemprop=\"image\" itemscope itemtype=\"http:\/\/schema.org\/ImageObject\">\n\t\t\t<meta itemprop=\"url\" content=\"https:\/\/www.psib-psoe.org\/mallorca\/wp-content\/uploads\/250320-Executiva-Jaume-Mateu-scaled.jpg\">\n\t\t\t<meta itemprop=\"width\" content=\"2560\">\n\t\t\t<meta itemprop=\"height\" content=\"1707\">\n\t\t<\/span>\n\t\t\t\t<meta itemscope itemprop=\"mainEntityOfPage\" itemtype=\"https:\/\/schema.org\/WebPage\" itemid=\"https:\/\/www.psib-psoe.org\/mallorca\/els-socialistes-de-soller-rebutgen-el-projecte-de-teixidores-previst-per-libavi-i-demanen-a-lajuntament-que-cerqui-alternatives-per-poder-incrementar-el-parc-public-dhabitat\/\">\n\t<\/aside>\n\t\t<\/article>\n<\/div>\n<div class=\"small-12 large-4 columns\">\n\t<article itemscope itemtype=\"http:\/\/schema.org\/Article\" class=\"post blog-style7 alt post-30664 type-post status-publish format-standard has-post-thumbnail hentry category-federacio-de-mallorca category-federacio-de-mallorca-portada category-municipis category-portada tag-agrupacio-socialista-de-santa-maria tag-amanda-fernandez tag-ana-maria-muela tag-ana-muela tag-ares-fernandez tag-consell-de-mallorca tag-federacio-socialista-de-mallorca tag-marc-vich tag-santa-maria-del-cami\" role=\"article\">\n\t\t<figure class=\"post-gallery\"><img loading=\"lazy\" decoding=\"async\" width=\"600\" height=\"400\" src=\"https:\/\/www.psib-psoe.org\/mallorca\/wp-content\/uploads\/Ana-Maria-Muela-600x400.jpeg\" class=\"attachment-notio-general-x2 size-notio-general-x2 wp-post-image\" alt=\"\" srcset=\"https:\/\/www.psib-psoe.org\/mallorca\/wp-content\/uploads\/Ana-Maria-Muela-600x400.jpeg 600w, https:\/\/www.psib-psoe.org\/mallorca\/wp-content\/uploads\/Ana-Maria-Muela-300x200.jpeg 300w, https:\/\/www.psib-psoe.org\/mallorca\/wp-content\/uploads\/Ana-Maria-Muela-20x13.jpeg 20w, https:\/\/www.psib-psoe.org\/mallorca\/wp-content\/uploads\/Ana-Maria-Muela-900x600.jpeg 900w\" sizes=\"(max-width: 600px) 100vw, 600px\" \/><\/figure>\n\t\t<div class=\"blog-top\">\n\t\t\t<header class=\"post-title entry-header\">\n\t\t\t\t<aside class=\"post-meta cf\">\n\t\t19\/11\/2025 \/ <a href=\"https:\/\/www.psib-psoe.org\/mallorca\/category\/federacio-de-mallorca\/\" rel=\"category tag\">Federaci\u00f3 de Mallorca<\/a>, <a href=\"https:\/\/www.psib-psoe.org\/mallorca\/category\/federacio-de-mallorca-portada\/\" rel=\"category tag\">Federaci\u00f3 de Mallorca - Portada<\/a>, <a href=\"https:\/\/www.psib-psoe.org\/mallorca\/category\/municipis\/\" rel=\"category tag\">Municipis<\/a>, <a href=\"https:\/\/www.psib-psoe.org\/mallorca\/category\/portada\/\" rel=\"category tag\">Portada<\/a><\/aside>\n\t\t\t\t<h3 itemprop=\"headline\"><a href=\"https:\/\/www.psib-psoe.org\/mallorca\/els-socialistes-de-santa-maria-del-cami-presenten-una-mocio-per-frenar-la-planta-de-bateries-de-liti-en-sol-rustic\/\" title=\"Els Socialistes de Santa Maria del Cam\u00ed presenten una moci\u00f3 per frenar la planta de bateries de liti en s\u00f2l r\u00fastic\">Els Socialistes de Santa Maria del Cam\u00ed presenten una moci\u00f3 per frenar la planta de bateries de liti en s\u00f2l r\u00fastic<\/a><\/h3>\n\t\t\t<\/header>\n\t\t<\/div>\n\t\t<div class=\"post-content\">\n\t\t\t<a href=\"https:\/\/www.psib-psoe.org\/mallorca\/els-socialistes-de-santa-maria-del-cami-presenten-una-mocio-per-frenar-la-planta-de-bateries-de-liti-en-sol-rustic\/\" class=\"more-link\">Read More<\/a>\n\t\t<\/div>\n\t\t\t<aside class=\"post-bottom-meta hide\">\n\t\t<strong rel=\"author\" itemprop=\"author\" class=\"author vcard\"><span class=\"fn\">Albert<\/span><\/strong>\n\t\t<time class=\"date published time\" datetime=\"2025-11-19T13:52:18+02:00\" itemprop=\"datePublished\" content=\"2025-11-19T13:52:18+02:00\">19\/11\/2025<\/time>\n\t\t<meta itemprop=\"dateModified\" class=\"date updated\" content=\"2025-11-19T13:52:29+02:00\">\n\t\t<span class=\"hide\" itemprop=\"publisher\" itemscope itemtype=\"https:\/\/schema.org\/Organization\">\n\t\t\t<meta itemprop=\"name\" content=\"SocialistesdMca\">\n\t\t\t<span itemprop=\"logo\" itemscope itemtype=\"https:\/\/schema.org\/ImageObject\">\n\t\t\t\t<meta itemprop=\"url\" content=\"https:\/\/www.psib-psoe.org\/mallorca\/wp-content\/themes\/notio-wp\/assets\/img\/logo.png\">\n\t\t\t<\/span>\n\t\t\t<meta itemprop=\"url\" content=\"https:\/\/www.psib-psoe.org\/mallorca\/\">\n\t\t<\/span>\n\t\t\t\t<span class=\"hide\" itemprop=\"image\" itemscope itemtype=\"http:\/\/schema.org\/ImageObject\">\n\t\t\t<meta itemprop=\"url\" content=\"https:\/\/www.psib-psoe.org\/mallorca\/wp-content\/uploads\/Ana-Maria-Muela.jpeg\">\n\t\t\t<meta itemprop=\"width\" content=\"1085\">\n\t\t\t<meta itemprop=\"height\" content=\"772\">\n\t\t<\/span>\n\t\t\t\t<meta itemscope itemprop=\"mainEntityOfPage\" itemtype=\"https:\/\/schema.org\/WebPage\" itemid=\"https:\/\/www.psib-psoe.org\/mallorca\/els-socialistes-de-santa-maria-del-cami-presenten-una-mocio-per-frenar-la-planta-de-bateries-de-liti-en-sol-rustic\/\">\n\t<\/aside>\n\t\t<\/article>\n<\/div>\n<div class=\"small-12 large-4 columns\">\n\t<article itemscope itemtype=\"http:\/\/schema.org\/Article\" class=\"post blog-style7 alt post-30657 type-post status-publish format-standard has-post-thumbnail hentry category-federacio-de-mallorca category-federacio-de-mallorca-portada category-municipis category-portada tag-amanda-fernandez tag-andreu-isern tag-ares-fernandez tag-bea-gamundi tag-catalina-cladera tag-consell-de-mallorca tag-federacio-socialista-de-mallorca tag-joan-mendez-2 tag-juana-m-adrover tag-manolo-galan tag-marga-fullana tag-marti-march tag-paquita-campins tag-pep-lluis-urraca-2 tag-psib-psoe tag-sofia-alonso tag-toni-mari tag-virgilio-moreno\" role=\"article\">\n\t\t<figure class=\"post-gallery\"><img loading=\"lazy\" decoding=\"async\" width=\"600\" height=\"400\" src=\"https:\/\/www.psib-psoe.org\/mallorca\/wp-content\/uploads\/Assemblea-Batles-181125-1-edited-600x400.jpeg\" class=\"attachment-notio-general-x2 size-notio-general-x2 wp-post-image\" alt=\"\" srcset=\"https:\/\/www.psib-psoe.org\/mallorca\/wp-content\/uploads\/Assemblea-Batles-181125-1-edited-600x400.jpeg 600w, https:\/\/www.psib-psoe.org\/mallorca\/wp-content\/uploads\/Assemblea-Batles-181125-1-edited-300x200.jpeg 300w, https:\/\/www.psib-psoe.org\/mallorca\/wp-content\/uploads\/Assemblea-Batles-181125-1-edited-900x600.jpeg 900w, https:\/\/www.psib-psoe.org\/mallorca\/wp-content\/uploads\/Assemblea-Batles-181125-1-edited-20x13.jpeg 20w\" sizes=\"(max-width: 600px) 100vw, 600px\" \/><\/figure>\n\t\t<div class=\"blog-top\">\n\t\t\t<header class=\"post-title entry-header\">\n\t\t\t\t<aside class=\"post-meta cf\">\n\t\t18\/11\/2025 \/ <a href=\"https:\/\/www.psib-psoe.org\/mallorca\/category\/federacio-de-mallorca\/\" rel=\"category tag\">Federaci\u00f3 de Mallorca<\/a>, <a href=\"https:\/\/www.psib-psoe.org\/mallorca\/category\/federacio-de-mallorca-portada\/\" rel=\"category tag\">Federaci\u00f3 de Mallorca - Portada<\/a>, <a href=\"https:\/\/www.psib-psoe.org\/mallorca\/category\/municipis\/\" rel=\"category tag\">Municipis<\/a>, <a href=\"https:\/\/www.psib-psoe.org\/mallorca\/category\/portada\/\" rel=\"category tag\">Portada<\/a><\/aside>\n\t\t\t\t<h3 itemprop=\"headline\"><a href=\"https:\/\/www.psib-psoe.org\/mallorca\/el-consell-retalla-les-inversions-pels-ajuntaments-de-mallorca-per-2026\/\" title=\"El Consell retalla les inversions pels Ajuntaments de Mallorca per 2026.\">El Consell retalla les inversions pels Ajuntaments de Mallorca per 2026.<\/a><\/h3>\n\t\t\t<\/header>\n\t\t<\/div>\n\t\t<div class=\"post-content\">\n\t\t\t<a href=\"https:\/\/www.psib-psoe.org\/mallorca\/el-consell-retalla-les-inversions-pels-ajuntaments-de-mallorca-per-2026\/\" class=\"more-link\">Read More<\/a>\n\t\t<\/div>\n\t\t\t<aside class=\"post-bottom-meta hide\">\n\t\t<strong rel=\"author\" itemprop=\"author\" class=\"author vcard\"><span class=\"fn\">Albert<\/span><\/strong>\n\t\t<time class=\"date published time\" datetime=\"2025-11-18T18:21:08+02:00\" itemprop=\"datePublished\" content=\"2025-11-18T18:21:08+02:00\">18\/11\/2025<\/time>\n\t\t<meta itemprop=\"dateModified\" class=\"date updated\" content=\"2025-11-18T18:21:20+02:00\">\n\t\t<span class=\"hide\" itemprop=\"publisher\" itemscope itemtype=\"https:\/\/schema.org\/Organization\">\n\t\t\t<meta itemprop=\"name\" content=\"SocialistesdMca\">\n\t\t\t<span itemprop=\"logo\" itemscope itemtype=\"https:\/\/schema.org\/ImageObject\">\n\t\t\t\t<meta itemprop=\"url\" content=\"https:\/\/www.psib-psoe.org\/mallorca\/wp-content\/themes\/notio-wp\/assets\/img\/logo.png\">\n\t\t\t<\/span>\n\t\t\t<meta itemprop=\"url\" content=\"https:\/\/www.psib-psoe.org\/mallorca\/\">\n\t\t<\/span>\n\t\t\t\t<span class=\"hide\" itemprop=\"image\" itemscope itemtype=\"http:\/\/schema.org\/ImageObject\">\n\t\t\t<meta itemprop=\"url\" content=\"https:\/\/www.psib-psoe.org\/mallorca\/wp-content\/uploads\/Assemblea-Batles-181125-1-edited.jpeg\">\n\t\t\t<meta itemprop=\"width\" content=\"1600\">\n\t\t\t<meta itemprop=\"height\" content=\"900\">\n\t\t<\/span>\n\t\t\t\t<meta itemscope itemprop=\"mainEntityOfPage\" itemtype=\"https:\/\/schema.org\/WebPage\" itemid=\"https:\/\/www.psib-psoe.org\/mallorca\/el-consell-retalla-les-inversions-pels-ajuntaments-de-mallorca-per-2026\/\">\n\t<\/aside>\n\t\t<\/article>\n<\/div>\n<div class=\"small-12 large-4 columns\">\n\t<article itemscope itemtype=\"http:\/\/schema.org\/Article\" class=\"post blog-style7 alt post-30654 type-post status-publish format-standard has-post-thumbnail hentry category-federacio-de-mallorca category-federacio-de-mallorca-portada category-municipis category-portada tag-agrupacio-socialista-dalcudia tag-agui-lobo tag-amanda-fernandez tag-barbara-rebassa tag-catalina-cladera tag-federacio-socialista-de-mallorca tag-joan-gaspar-vallori\" role=\"article\">\n\t\t<figure class=\"post-gallery\"><img loading=\"lazy\" decoding=\"async\" width=\"600\" height=\"400\" src=\"https:\/\/www.psib-psoe.org\/mallorca\/wp-content\/uploads\/Ple-pressupostos-2-600x400.jpeg\" class=\"attachment-notio-general-x2 size-notio-general-x2 wp-post-image\" alt=\"\" srcset=\"https:\/\/www.psib-psoe.org\/mallorca\/wp-content\/uploads\/Ple-pressupostos-2-600x400.jpeg 600w, https:\/\/www.psib-psoe.org\/mallorca\/wp-content\/uploads\/Ple-pressupostos-2-300x200.jpeg 300w, https:\/\/www.psib-psoe.org\/mallorca\/wp-content\/uploads\/Ple-pressupostos-2-900x600.jpeg 900w, https:\/\/www.psib-psoe.org\/mallorca\/wp-content\/uploads\/Ple-pressupostos-2-20x13.jpeg 20w\" sizes=\"(max-width: 600px) 100vw, 600px\" \/><\/figure>\n\t\t<div class=\"blog-top\">\n\t\t\t<header class=\"post-title entry-header\">\n\t\t\t\t<aside class=\"post-meta cf\">\n\t\t17\/11\/2025 \/ <a href=\"https:\/\/www.psib-psoe.org\/mallorca\/category\/federacio-de-mallorca\/\" rel=\"category tag\">Federaci\u00f3 de Mallorca<\/a>, <a href=\"https:\/\/www.psib-psoe.org\/mallorca\/category\/federacio-de-mallorca-portada\/\" rel=\"category tag\">Federaci\u00f3 de Mallorca - Portada<\/a>, <a href=\"https:\/\/www.psib-psoe.org\/mallorca\/category\/municipis\/\" rel=\"category tag\">Municipis<\/a>, <a href=\"https:\/\/www.psib-psoe.org\/mallorca\/category\/portada\/\" rel=\"category tag\">Portada<\/a><\/aside>\n\t\t\t\t<h3 itemprop=\"headline\"><a href=\"https:\/\/www.psib-psoe.org\/mallorca\/passotisme-deixadesa-i-mala-gestio-de-ppvox-amb-el-projecte-del-canal-de-regates-a-alcudia\/\" title=\"Passotisme, deixadesa i mala gesti\u00f3 de PPVox amb el projecte del canal de regates a Alc\u00fadia.\">Passotisme, deixadesa i mala gesti\u00f3 de PPVox amb el projecte del canal de regates a Alc\u00fadia.<\/a><\/h3>\n\t\t\t<\/header>\n\t\t<\/div>\n\t\t<div class=\"post-content\">\n\t\t\t<a href=\"https:\/\/www.psib-psoe.org\/mallorca\/passotisme-deixadesa-i-mala-gestio-de-ppvox-amb-el-projecte-del-canal-de-regates-a-alcudia\/\" class=\"more-link\">Read More<\/a>\n\t\t<\/div>\n\t\t\t<aside class=\"post-bottom-meta hide\">\n\t\t<strong rel=\"author\" itemprop=\"author\" class=\"author vcard\"><span class=\"fn\">Albert<\/span><\/strong>\n\t\t<time class=\"date published time\" datetime=\"2025-11-17T17:01:29+02:00\" itemprop=\"datePublished\" content=\"2025-11-17T17:01:29+02:00\">17\/11\/2025<\/time>\n\t\t<meta itemprop=\"dateModified\" class=\"date updated\" content=\"2025-11-17T17:01:43+02:00\">\n\t\t<span class=\"hide\" itemprop=\"publisher\" itemscope itemtype=\"https:\/\/schema.org\/Organization\">\n\t\t\t<meta itemprop=\"name\" content=\"SocialistesdMca\">\n\t\t\t<span itemprop=\"logo\" itemscope itemtype=\"https:\/\/schema.org\/ImageObject\">\n\t\t\t\t<meta itemprop=\"url\" content=\"https:\/\/www.psib-psoe.org\/mallorca\/wp-content\/themes\/notio-wp\/assets\/img\/logo.png\">\n\t\t\t<\/span>\n\t\t\t<meta itemprop=\"url\" content=\"https:\/\/www.psib-psoe.org\/mallorca\/\">\n\t\t<\/span>\n\t\t\t\t<span class=\"hide\" itemprop=\"image\" itemscope itemtype=\"http:\/\/schema.org\/ImageObject\">\n\t\t\t<meta itemprop=\"url\" content=\"https:\/\/www.psib-psoe.org\/mallorca\/wp-content\/uploads\/Ple-pressupostos-2.jpeg\">\n\t\t\t<meta itemprop=\"width\" content=\"1170\">\n\t\t\t<meta itemprop=\"height\" content=\"634\">\n\t\t<\/span>\n\t\t\t\t<meta itemscope itemprop=\"mainEntityOfPage\" itemtype=\"https:\/\/schema.org\/WebPage\" itemid=\"https:\/\/www.psib-psoe.org\/mallorca\/passotisme-deixadesa-i-mala-gestio-de-ppvox-amb-el-projecte-del-canal-de-regates-a-alcudia\/\">\n\t<\/aside>\n\t\t<\/article>\n<\/div>\n<div class=\"small-12 large-4 columns\">\n\t<article itemscope itemtype=\"http:\/\/schema.org\/Article\" class=\"post blog-style7 alt post-30650 type-post status-publish format-standard has-post-thumbnail hentry category-federacio-de-mallorca category-federacio-de-mallorca-portada category-municipis category-portada tag-amanda-fernandez tag-andreu-serra tag-ares-fernandez tag-bea-gamundi tag-biel-alomar tag-catalina-cladera tag-consell-de-mallorca tag-federacio-socialista-de-mallorca tag-joan-ferrer tag-joan-mendez-2 tag-juana-m-adrover tag-psib-psoe tag-sofia-alonso\" role=\"article\">\n\t\t<figure class=\"post-gallery\"><img loading=\"lazy\" decoding=\"async\" width=\"600\" height=\"400\" src=\"https:\/\/www.psib-psoe.org\/mallorca\/wp-content\/uploads\/Ple-131125-1-600x400.jpeg\" class=\"attachment-notio-general-x2 size-notio-general-x2 wp-post-image\" alt=\"\" srcset=\"https:\/\/www.psib-psoe.org\/mallorca\/wp-content\/uploads\/Ple-131125-1-600x400.jpeg 600w, https:\/\/www.psib-psoe.org\/mallorca\/wp-content\/uploads\/Ple-131125-1-300x200.jpeg 300w, https:\/\/www.psib-psoe.org\/mallorca\/wp-content\/uploads\/Ple-131125-1-900x600.jpeg 900w, https:\/\/www.psib-psoe.org\/mallorca\/wp-content\/uploads\/Ple-131125-1-20x13.jpeg 20w\" sizes=\"(max-width: 600px) 100vw, 600px\" \/><\/figure>\n\t\t<div class=\"blog-top\">\n\t\t\t<header class=\"post-title entry-header\">\n\t\t\t\t<aside class=\"post-meta cf\">\n\t\t17\/11\/2025 \/ <a href=\"https:\/\/www.psib-psoe.org\/mallorca\/category\/federacio-de-mallorca\/\" rel=\"category tag\">Federaci\u00f3 de Mallorca<\/a>, <a href=\"https:\/\/www.psib-psoe.org\/mallorca\/category\/federacio-de-mallorca-portada\/\" rel=\"category tag\">Federaci\u00f3 de Mallorca - Portada<\/a>, <a href=\"https:\/\/www.psib-psoe.org\/mallorca\/category\/municipis\/\" rel=\"category tag\">Municipis<\/a>, <a href=\"https:\/\/www.psib-psoe.org\/mallorca\/category\/portada\/\" rel=\"category tag\">Portada<\/a><\/aside>\n\t\t\t\t<h3 itemprop=\"headline\"><a href=\"https:\/\/www.psib-psoe.org\/mallorca\/el-grup-socialista-denuncia-la-xenofobia-de-vox-en-el-tracte-als-menors-migrants-i-la-submissio-complice-de-galmes\/\" title=\"El Grup Socialista denuncia la xen\u00f2fobia de Vox en el tracte als menors migrants i la submissi\u00f3 c\u00f2mplice de Galm\u00e9s.\">El Grup Socialista denuncia la xen\u00f2fobia de Vox en el tracte als menors migrants i la submissi\u00f3 c\u00f2mplice de Galm\u00e9s.<\/a><\/h3>\n\t\t\t<\/header>\n\t\t<\/div>\n\t\t<div class=\"post-content\">\n\t\t\t<a href=\"https:\/\/www.psib-psoe.org\/mallorca\/el-grup-socialista-denuncia-la-xenofobia-de-vox-en-el-tracte-als-menors-migrants-i-la-submissio-complice-de-galmes\/\" class=\"more-link\">Read More<\/a>\n\t\t<\/div>\n\t\t\t<aside class=\"post-bottom-meta hide\">\n\t\t<strong rel=\"author\" itemprop=\"author\" class=\"author vcard\"><span class=\"fn\">Albert<\/span><\/strong>\n\t\t<time class=\"date published time\" datetime=\"2025-11-17T14:51:04+02:00\" itemprop=\"datePublished\" content=\"2025-11-17T14:51:04+02:00\">17\/11\/2025<\/time>\n\t\t<meta itemprop=\"dateModified\" class=\"date updated\" content=\"2025-11-17T14:51:16+02:00\">\n\t\t<span class=\"hide\" itemprop=\"publisher\" itemscope itemtype=\"https:\/\/schema.org\/Organization\">\n\t\t\t<meta itemprop=\"name\" content=\"SocialistesdMca\">\n\t\t\t<span itemprop=\"logo\" itemscope itemtype=\"https:\/\/schema.org\/ImageObject\">\n\t\t\t\t<meta itemprop=\"url\" content=\"https:\/\/www.psib-psoe.org\/mallorca\/wp-content\/themes\/notio-wp\/assets\/img\/logo.png\">\n\t\t\t<\/span>\n\t\t\t<meta itemprop=\"url\" content=\"https:\/\/www.psib-psoe.org\/mallorca\/\">\n\t\t<\/span>\n\t\t\t\t<span class=\"hide\" itemprop=\"image\" itemscope itemtype=\"http:\/\/schema.org\/ImageObject\">\n\t\t\t<meta itemprop=\"url\" content=\"https:\/\/www.psib-psoe.org\/mallorca\/wp-content\/uploads\/Ple-131125-1.jpeg\">\n\t\t\t<meta itemprop=\"width\" content=\"1600\">\n\t\t\t<meta itemprop=\"height\" content=\"1200\">\n\t\t<\/span>\n\t\t\t\t<meta itemscope itemprop=\"mainEntityOfPage\" itemtype=\"https:\/\/schema.org\/WebPage\" itemid=\"https:\/\/www.psib-psoe.org\/mallorca\/el-grup-socialista-denuncia-la-xenofobia-de-vox-en-el-tracte-als-menors-migrants-i-la-submissio-complice-de-galmes\/\">\n\t<\/aside>\n\t\t<\/article>\n<\/div>\n<div class=\"small-12 large-4 columns\">\n\t<article itemscope itemtype=\"http:\/\/schema.org\/Article\" class=\"post blog-style7 alt post-30646 type-post status-publish format-standard has-post-thumbnail hentry category-federacio-de-mallorca category-federacio-de-mallorca-portada category-municipis category-portada tag-amanda-fernandez tag-andreu-serra tag-ares-fernandez tag-bea-gamundi tag-biel-alomar tag-catalina-cladera tag-consell-de-mallorca tag-federacio-socialista-de-mallorca tag-joan-ferrer tag-joan-mendez-2 tag-juana-m-adrover tag-psib-psoe tag-sofia-alonso\" role=\"article\">\n\t\t<figure class=\"post-gallery\"><img loading=\"lazy\" decoding=\"async\" width=\"600\" height=\"400\" src=\"https:\/\/www.psib-psoe.org\/mallorca\/wp-content\/uploads\/Cladera-pressupostos-141125-600x400.jpeg\" class=\"attachment-notio-general-x2 size-notio-general-x2 wp-post-image\" alt=\"\" srcset=\"https:\/\/www.psib-psoe.org\/mallorca\/wp-content\/uploads\/Cladera-pressupostos-141125-600x400.jpeg 600w, https:\/\/www.psib-psoe.org\/mallorca\/wp-content\/uploads\/Cladera-pressupostos-141125-300x200.jpeg 300w, https:\/\/www.psib-psoe.org\/mallorca\/wp-content\/uploads\/Cladera-pressupostos-141125-1024x682.jpeg 1024w, https:\/\/www.psib-psoe.org\/mallorca\/wp-content\/uploads\/Cladera-pressupostos-141125-768x512.jpeg 768w, https:\/\/www.psib-psoe.org\/mallorca\/wp-content\/uploads\/Cladera-pressupostos-141125-1536x1023.jpeg 1536w, https:\/\/www.psib-psoe.org\/mallorca\/wp-content\/uploads\/Cladera-pressupostos-141125-150x100.jpeg 150w, https:\/\/www.psib-psoe.org\/mallorca\/wp-content\/uploads\/Cladera-pressupostos-141125-900x600.jpeg 900w, https:\/\/www.psib-psoe.org\/mallorca\/wp-content\/uploads\/Cladera-pressupostos-141125-20x13.jpeg 20w, https:\/\/www.psib-psoe.org\/mallorca\/wp-content\/uploads\/Cladera-pressupostos-141125.jpeg 1600w\" sizes=\"(max-width: 600px) 100vw, 600px\" \/><\/figure>\n\t\t<div class=\"blog-top\">\n\t\t\t<header class=\"post-title entry-header\">\n\t\t\t\t<aside class=\"post-meta cf\">\n\t\t14\/11\/2025 \/ <a href=\"https:\/\/www.psib-psoe.org\/mallorca\/category\/federacio-de-mallorca\/\" rel=\"category tag\">Federaci\u00f3 de Mallorca<\/a>, <a href=\"https:\/\/www.psib-psoe.org\/mallorca\/category\/federacio-de-mallorca-portada\/\" rel=\"category tag\">Federaci\u00f3 de Mallorca - Portada<\/a>, <a href=\"https:\/\/www.psib-psoe.org\/mallorca\/category\/municipis\/\" rel=\"category tag\">Municipis<\/a>, <a href=\"https:\/\/www.psib-psoe.org\/mallorca\/category\/portada\/\" rel=\"category tag\">Portada<\/a><\/aside>\n\t\t\t\t<h3 itemprop=\"headline\"><a href=\"https:\/\/www.psib-psoe.org\/mallorca\/cladera-acusa-galmes-de-sotmetres-al-xantatge-de-vox-en-un-pressupost-del-consell-de-mallorca-2026-que-ataca-la-llengua-i-la-immigracio\/\" title=\"Cladera acusa Galm\u00e9s de sotmetre\u2019s al \u201cxantatge de Vox\u201d en un Pressupost del Consell de Mallorca 2026 que \u201cataca la llengua i la immigraci\u00f3\u201d.\">Cladera acusa Galm\u00e9s de sotmetre\u2019s al \u201cxantatge de Vox\u201d en un Pressupost del Consell de Mallorca 2026 que \u201cataca la llengua i la immigraci\u00f3\u201d.<\/a><\/h3>\n\t\t\t<\/header>\n\t\t<\/div>\n\t\t<div class=\"post-content\">\n\t\t\t<a href=\"https:\/\/www.psib-psoe.org\/mallorca\/cladera-acusa-galmes-de-sotmetres-al-xantatge-de-vox-en-un-pressupost-del-consell-de-mallorca-2026-que-ataca-la-llengua-i-la-immigracio\/\" class=\"more-link\">Read More<\/a>\n\t\t<\/div>\n\t\t\t<aside class=\"post-bottom-meta hide\">\n\t\t<strong rel=\"author\" itemprop=\"author\" class=\"author vcard\"><span class=\"fn\">Albert<\/span><\/strong>\n\t\t<time class=\"date published time\" datetime=\"2025-11-14T16:39:16+02:00\" itemprop=\"datePublished\" content=\"2025-11-14T16:39:16+02:00\">14\/11\/2025<\/time>\n\t\t<meta itemprop=\"dateModified\" class=\"date updated\" content=\"2025-11-14T16:39:29+02:00\">\n\t\t<span class=\"hide\" itemprop=\"publisher\" itemscope itemtype=\"https:\/\/schema.org\/Organization\">\n\t\t\t<meta itemprop=\"name\" content=\"SocialistesdMca\">\n\t\t\t<span itemprop=\"logo\" itemscope itemtype=\"https:\/\/schema.org\/ImageObject\">\n\t\t\t\t<meta itemprop=\"url\" content=\"https:\/\/www.psib-psoe.org\/mallorca\/wp-content\/themes\/notio-wp\/assets\/img\/logo.png\">\n\t\t\t<\/span>\n\t\t\t<meta itemprop=\"url\" content=\"https:\/\/www.psib-psoe.org\/mallorca\/\">\n\t\t<\/span>\n\t\t\t\t<span class=\"hide\" itemprop=\"image\" itemscope itemtype=\"http:\/\/schema.org\/ImageObject\">\n\t\t\t<meta itemprop=\"url\" content=\"https:\/\/www.psib-psoe.org\/mallorca\/wp-content\/uploads\/Cladera-pressupostos-141125.jpeg\">\n\t\t\t<meta itemprop=\"width\" content=\"1600\">\n\t\t\t<meta itemprop=\"height\" content=\"1066\">\n\t\t<\/span>\n\t\t\t\t<meta itemscope itemprop=\"mainEntityOfPage\" itemtype=\"https:\/\/schema.org\/WebPage\" itemid=\"https:\/\/www.psib-psoe.org\/mallorca\/cladera-acusa-galmes-de-sotmetres-al-xantatge-de-vox-en-un-pressupost-del-consell-de-mallorca-2026-que-ataca-la-llengua-i-la-immigracio\/\">\n\t<\/aside>\n\t\t<\/article>\n<\/div>\n<div class=\"small-12 large-4 columns\">\n\t<article itemscope itemtype=\"http:\/\/schema.org\/Article\" class=\"post blog-style7 alt post-30642 type-post status-publish format-standard has-post-thumbnail hentry category-federacio-de-mallorca category-federacio-de-mallorca-portada category-municipis category-portada tag-amanda-fernandez tag-andreu-serra tag-ares-fernandez tag-bea-gamundi tag-biel-alomar tag-catalina-cladera tag-consell-de-mallorca tag-federacio-socialista-de-mallorca tag-joan-ferrer tag-joan-mendez-2 tag-juana-m-adrover tag-psib-psoe tag-sofia-alonso\" role=\"article\">\n\t\t<figure class=\"post-gallery\"><img loading=\"lazy\" decoding=\"async\" width=\"600\" height=\"400\" src=\"https:\/\/www.psib-psoe.org\/mallorca\/wp-content\/uploads\/Ple-131125-600x400.jpeg\" class=\"attachment-notio-general-x2 size-notio-general-x2 wp-post-image\" alt=\"\" srcset=\"https:\/\/www.psib-psoe.org\/mallorca\/wp-content\/uploads\/Ple-131125-600x400.jpeg 600w, https:\/\/www.psib-psoe.org\/mallorca\/wp-content\/uploads\/Ple-131125-300x200.jpeg 300w, https:\/\/www.psib-psoe.org\/mallorca\/wp-content\/uploads\/Ple-131125-900x600.jpeg 900w, https:\/\/www.psib-psoe.org\/mallorca\/wp-content\/uploads\/Ple-131125-20x13.jpeg 20w\" sizes=\"(max-width: 600px) 100vw, 600px\" \/><\/figure>\n\t\t<div class=\"blog-top\">\n\t\t\t<header class=\"post-title entry-header\">\n\t\t\t\t<aside class=\"post-meta cf\">\n\t\t13\/11\/2025 \/ <a href=\"https:\/\/www.psib-psoe.org\/mallorca\/category\/federacio-de-mallorca\/\" rel=\"category tag\">Federaci\u00f3 de Mallorca<\/a>, <a href=\"https:\/\/www.psib-psoe.org\/mallorca\/category\/federacio-de-mallorca-portada\/\" rel=\"category tag\">Federaci\u00f3 de Mallorca - Portada<\/a>, <a href=\"https:\/\/www.psib-psoe.org\/mallorca\/category\/municipis\/\" rel=\"category tag\">Municipis<\/a>, <a href=\"https:\/\/www.psib-psoe.org\/mallorca\/category\/portada\/\" rel=\"category tag\">Portada<\/a><\/aside>\n\t\t\t\t<h3 itemprop=\"headline\"><a href=\"https:\/\/www.psib-psoe.org\/mallorca\/lequip-de-govern-ppvox-al-consell-es-nega-a-donar-solucions-a-la-ciutadania-en-materia-dacces-a-lhabitatge-canvi-climatic-i-no-fa-cas-a-les-demandes-dels-veinats-de-la-urba\/\" title=\"L\u2019equip de govern PPVox al Consell es nega a donar solucions a la ciutadania en mat\u00e8ria d\u2019acc\u00e9s a l\u2019habitatge, canvi clim\u00e0tic i no fa cas a les demandes dels ve\u00efnats de la urbanitzaci\u00f3 Galatz\u00f3.\">L\u2019equip de govern PPVox al Consell es nega a donar solucions a la ciutadania en mat\u00e8ria d\u2019acc\u00e9s a l\u2019habitatge, canvi clim\u00e0tic i no fa cas a les demandes dels ve\u00efnats de la urbanitzaci\u00f3 Galatz\u00f3.<\/a><\/h3>\n\t\t\t<\/header>\n\t\t<\/div>\n\t\t<div class=\"post-content\">\n\t\t\t<a href=\"https:\/\/www.psib-psoe.org\/mallorca\/lequip-de-govern-ppvox-al-consell-es-nega-a-donar-solucions-a-la-ciutadania-en-materia-dacces-a-lhabitatge-canvi-climatic-i-no-fa-cas-a-les-demandes-dels-veinats-de-la-urba\/\" class=\"more-link\">Read More<\/a>\n\t\t<\/div>\n\t\t\t<aside class=\"post-bottom-meta hide\">\n\t\t<strong rel=\"author\" itemprop=\"author\" class=\"author vcard\"><span class=\"fn\">Albert<\/span><\/strong>\n\t\t<time class=\"date published time\" datetime=\"2025-11-13T19:32:01+02:00\" itemprop=\"datePublished\" content=\"2025-11-13T19:32:01+02:00\">13\/11\/2025<\/time>\n\t\t<meta itemprop=\"dateModified\" class=\"date updated\" content=\"2025-11-13T19:32:13+02:00\">\n\t\t<span class=\"hide\" itemprop=\"publisher\" itemscope itemtype=\"https:\/\/schema.org\/Organization\">\n\t\t\t<meta itemprop=\"name\" content=\"SocialistesdMca\">\n\t\t\t<span itemprop=\"logo\" itemscope itemtype=\"https:\/\/schema.org\/ImageObject\">\n\t\t\t\t<meta itemprop=\"url\" content=\"https:\/\/www.psib-psoe.org\/mallorca\/wp-content\/themes\/notio-wp\/assets\/img\/logo.png\">\n\t\t\t<\/span>\n\t\t\t<meta itemprop=\"url\" content=\"https:\/\/www.psib-psoe.org\/mallorca\/\">\n\t\t<\/span>\n\t\t\t\t<span class=\"hide\" itemprop=\"image\" itemscope itemtype=\"http:\/\/schema.org\/ImageObject\">\n\t\t\t<meta itemprop=\"url\" content=\"https:\/\/www.psib-psoe.org\/mallorca\/wp-content\/uploads\/Ple-131125.jpeg\">\n\t\t\t<meta itemprop=\"width\" content=\"1600\">\n\t\t\t<meta itemprop=\"height\" content=\"1200\">\n\t\t<\/span>\n\t\t\t\t<meta itemscope itemprop=\"mainEntityOfPage\" itemtype=\"https:\/\/schema.org\/WebPage\" itemid=\"https:\/\/www.psib-psoe.org\/mallorca\/lequip-de-govern-ppvox-al-consell-es-nega-a-donar-solucions-a-la-ciutadania-en-materia-dacces-a-lhabitatge-canvi-climatic-i-no-fa-cas-a-les-demandes-dels-veinats-de-la-urba\/\">\n\t<\/aside>\n\t\t<\/article>\n<\/div>\n<div class=\"small-12 large-4 columns\">\n\t<article itemscope itemtype=\"http:\/\/schema.org\/Article\" class=\"post blog-style7 alt post-30639 type-post status-publish format-standard has-post-thumbnail hentry category-federacio-de-mallorca category-federacio-de-mallorca-portada category-municipis category-portada tag-amanda-fernandez tag-andreu-serra tag-ares-fernandez tag-bea-gamundi tag-biel-alomar tag-catalina-cladera tag-consell-de-mallorca tag-federacio-socialista-de-mallorca tag-joan-ferrer tag-joan-mendez-2 tag-juana-m-adrover tag-psib-psoe tag-sofia-alonso\" role=\"article\">\n\t\t<figure class=\"post-gallery\"><img loading=\"lazy\" decoding=\"async\" width=\"600\" height=\"400\" src=\"https:\/\/www.psib-psoe.org\/mallorca\/wp-content\/uploads\/Manifest-conjunt-25N-3-600x400.jpeg\" class=\"attachment-notio-general-x2 size-notio-general-x2 wp-post-image\" alt=\"\" srcset=\"https:\/\/www.psib-psoe.org\/mallorca\/wp-content\/uploads\/Manifest-conjunt-25N-3-600x400.jpeg 600w, https:\/\/www.psib-psoe.org\/mallorca\/wp-content\/uploads\/Manifest-conjunt-25N-3-300x200.jpeg 300w, https:\/\/www.psib-psoe.org\/mallorca\/wp-content\/uploads\/Manifest-conjunt-25N-3-1024x682.jpeg 1024w, https:\/\/www.psib-psoe.org\/mallorca\/wp-content\/uploads\/Manifest-conjunt-25N-3-768x512.jpeg 768w, https:\/\/www.psib-psoe.org\/mallorca\/wp-content\/uploads\/Manifest-conjunt-25N-3-1536x1023.jpeg 1536w, https:\/\/www.psib-psoe.org\/mallorca\/wp-content\/uploads\/Manifest-conjunt-25N-3-150x100.jpeg 150w, https:\/\/www.psib-psoe.org\/mallorca\/wp-content\/uploads\/Manifest-conjunt-25N-3-900x600.jpeg 900w, https:\/\/www.psib-psoe.org\/mallorca\/wp-content\/uploads\/Manifest-conjunt-25N-3-20x13.jpeg 20w, https:\/\/www.psib-psoe.org\/mallorca\/wp-content\/uploads\/Manifest-conjunt-25N-3.jpeg 1600w\" sizes=\"(max-width: 600px) 100vw, 600px\" \/><\/figure>\n\t\t<div class=\"blog-top\">\n\t\t\t<header class=\"post-title entry-header\">\n\t\t\t\t<aside class=\"post-meta cf\">\n\t\t13\/11\/2025 \/ <a href=\"https:\/\/www.psib-psoe.org\/mallorca\/category\/federacio-de-mallorca\/\" rel=\"category tag\">Federaci\u00f3 de Mallorca<\/a>, <a href=\"https:\/\/www.psib-psoe.org\/mallorca\/category\/federacio-de-mallorca-portada\/\" rel=\"category tag\">Federaci\u00f3 de Mallorca - Portada<\/a>, <a href=\"https:\/\/www.psib-psoe.org\/mallorca\/category\/municipis\/\" rel=\"category tag\">Municipis<\/a>, <a href=\"https:\/\/www.psib-psoe.org\/mallorca\/category\/portada\/\" rel=\"category tag\">Portada<\/a><\/aside>\n\t\t\t\t<h3 itemprop=\"headline\"><a href=\"https:\/\/www.psib-psoe.org\/mallorca\/loposicio-al-consell-de-mallorca-suneix-per-reivindicar-el-25n-davant-el-bloqueig-de-pp-i-vox\/\" title=\"L\u2019oposici\u00f3 al Consell de Mallorca s\u2019uneix per reivindicar el 25N davant el bloqueig de PP i Vox.\">L\u2019oposici\u00f3 al Consell de Mallorca s\u2019uneix per reivindicar el 25N davant el bloqueig de PP i Vox.<\/a><\/h3>\n\t\t\t<\/header>\n\t\t<\/div>\n\t\t<div class=\"post-content\">\n\t\t\t<a href=\"https:\/\/www.psib-psoe.org\/mallorca\/loposicio-al-consell-de-mallorca-suneix-per-reivindicar-el-25n-davant-el-bloqueig-de-pp-i-vox\/\" class=\"more-link\">Read More<\/a>\n\t\t<\/div>\n\t\t\t<aside class=\"post-bottom-meta hide\">\n\t\t<strong rel=\"author\" itemprop=\"author\" class=\"author vcard\"><span class=\"fn\">Albert<\/span><\/strong>\n\t\t<time class=\"date published time\" datetime=\"2025-11-13T11:21:45+02:00\" itemprop=\"datePublished\" content=\"2025-11-13T11:21:45+02:00\">13\/11\/2025<\/time>\n\t\t<meta itemprop=\"dateModified\" class=\"date updated\" content=\"2025-11-13T11:21:56+02:00\">\n\t\t<span class=\"hide\" itemprop=\"publisher\" itemscope itemtype=\"https:\/\/schema.org\/Organization\">\n\t\t\t<meta itemprop=\"name\" content=\"SocialistesdMca\">\n\t\t\t<span itemprop=\"logo\" itemscope itemtype=\"https:\/\/schema.org\/ImageObject\">\n\t\t\t\t<meta itemprop=\"url\" content=\"https:\/\/www.psib-psoe.org\/mallorca\/wp-content\/themes\/notio-wp\/assets\/img\/logo.png\">\n\t\t\t<\/span>\n\t\t\t<meta itemprop=\"url\" content=\"https:\/\/www.psib-psoe.org\/mallorca\/\">\n\t\t<\/span>\n\t\t\t\t<span class=\"hide\" itemprop=\"image\" itemscope itemtype=\"http:\/\/schema.org\/ImageObject\">\n\t\t\t<meta itemprop=\"url\" content=\"https:\/\/www.psib-psoe.org\/mallorca\/wp-content\/uploads\/Manifest-conjunt-25N-3.jpeg\">\n\t\t\t<meta itemprop=\"width\" content=\"1600\">\n\t\t\t<meta itemprop=\"height\" content=\"1066\">\n\t\t<\/span>\n\t\t\t\t<meta itemscope itemprop=\"mainEntityOfPage\" itemtype=\"https:\/\/schema.org\/WebPage\" itemid=\"https:\/\/www.psib-psoe.org\/mallorca\/loposicio-al-consell-de-mallorca-suneix-per-reivindicar-el-25n-davant-el-bloqueig-de-pp-i-vox\/\">\n\t<\/aside>\n\t\t<\/article>\n<\/div>\n<div class=\"small-12 large-4 columns\">\n\t<article itemscope itemtype=\"http:\/\/schema.org\/Article\" class=\"post blog-style7 alt post-30634 type-post status-publish format-standard has-post-thumbnail hentry category-federacio-de-mallorca category-federacio-de-mallorca-portada category-municipis category-portada tag-amanda-fernandez tag-andreu-serra tag-ares-fernandez tag-bea-gamundi tag-biel-alomar tag-catalina-cladera tag-consell-de-mallorca tag-federacio-socialista-de-mallorca tag-joan-ferrer tag-joan-mendez-2 tag-juana-m-adrover tag-psib-psoe tag-sofia-alonso\" role=\"article\">\n\t\t<figure class=\"post-gallery\"><img loading=\"lazy\" decoding=\"async\" width=\"600\" height=\"400\" src=\"https:\/\/www.psib-psoe.org\/mallorca\/wp-content\/uploads\/Sofia-Joan-rdp-600x400.jpeg\" class=\"attachment-notio-general-x2 size-notio-general-x2 wp-post-image\" alt=\"\" srcset=\"https:\/\/www.psib-psoe.org\/mallorca\/wp-content\/uploads\/Sofia-Joan-rdp-600x400.jpeg 600w, https:\/\/www.psib-psoe.org\/mallorca\/wp-content\/uploads\/Sofia-Joan-rdp-300x200.jpeg 300w, https:\/\/www.psib-psoe.org\/mallorca\/wp-content\/uploads\/Sofia-Joan-rdp-900x600.jpeg 900w, https:\/\/www.psib-psoe.org\/mallorca\/wp-content\/uploads\/Sofia-Joan-rdp-20x13.jpeg 20w\" sizes=\"(max-width: 600px) 100vw, 600px\" \/><\/figure>\n\t\t<div class=\"blog-top\">\n\t\t\t<header class=\"post-title entry-header\">\n\t\t\t\t<aside class=\"post-meta cf\">\n\t\t12\/11\/2025 \/ <a href=\"https:\/\/www.psib-psoe.org\/mallorca\/category\/federacio-de-mallorca\/\" rel=\"category tag\">Federaci\u00f3 de Mallorca<\/a>, <a href=\"https:\/\/www.psib-psoe.org\/mallorca\/category\/federacio-de-mallorca-portada\/\" rel=\"category tag\">Federaci\u00f3 de Mallorca - Portada<\/a>, <a href=\"https:\/\/www.psib-psoe.org\/mallorca\/category\/municipis\/\" rel=\"category tag\">Municipis<\/a>, <a href=\"https:\/\/www.psib-psoe.org\/mallorca\/category\/portada\/\" rel=\"category tag\">Portada<\/a><\/aside>\n\t\t\t\t<h3 itemprop=\"headline\"><a href=\"https:\/\/www.psib-psoe.org\/mallorca\/els-socialistes-de-mallorca-insisteixen-al-govern-per-a-que-declari-balears-com-a-zona-tensada-per-alleugerir-el-cost-de-lhabitatge\/\" title=\"Els Socialistes de Mallorca insisteixen al Govern per a qu\u00e8 declari Balears com a zona tensada per alleugerir el cost de l\u2019habitatge.\">Els Socialistes de Mallorca insisteixen al Govern per a qu\u00e8 declari Balears com a zona tensada per alleugerir el cost de l\u2019habitatge.<\/a><\/h3>\n\t\t\t<\/header>\n\t\t<\/div>\n\t\t<div class=\"post-content\">\n\t\t\t<a href=\"https:\/\/www.psib-psoe.org\/mallorca\/els-socialistes-de-mallorca-insisteixen-al-govern-per-a-que-declari-balears-com-a-zona-tensada-per-alleugerir-el-cost-de-lhabitatge\/\" class=\"more-link\">Read More<\/a>\n\t\t<\/div>\n\t\t\t<aside class=\"post-bottom-meta hide\">\n\t\t<strong rel=\"author\" itemprop=\"author\" class=\"author vcard\"><span class=\"fn\">Albert<\/span><\/strong>\n\t\t<time class=\"date published time\" datetime=\"2025-11-12T15:37:00+02:00\" itemprop=\"datePublished\" content=\"2025-11-12T15:37:00+02:00\">12\/11\/2025<\/time>\n\t\t<meta itemprop=\"dateModified\" class=\"date updated\" content=\"2025-11-12T15:37:12+02:00\">\n\t\t<span class=\"hide\" itemprop=\"publisher\" itemscope itemtype=\"https:\/\/schema.org\/Organization\">\n\t\t\t<meta itemprop=\"name\" content=\"SocialistesdMca\">\n\t\t\t<span itemprop=\"logo\" itemscope itemtype=\"https:\/\/schema.org\/ImageObject\">\n\t\t\t\t<meta itemprop=\"url\" content=\"https:\/\/www.psib-psoe.org\/mallorca\/wp-content\/themes\/notio-wp\/assets\/img\/logo.png\">\n\t\t\t<\/span>\n\t\t\t<meta itemprop=\"url\" content=\"https:\/\/www.psib-psoe.org\/mallorca\/\">\n\t\t<\/span>\n\t\t\t\t<span class=\"hide\" itemprop=\"image\" itemscope itemtype=\"http:\/\/schema.org\/ImageObject\">\n\t\t\t<meta itemprop=\"url\" content=\"https:\/\/www.psib-psoe.org\/mallorca\/wp-content\/uploads\/Sofia-Joan-rdp-scaled.jpeg\">\n\t\t\t<meta itemprop=\"width\" content=\"2560\">\n\t\t\t<meta itemprop=\"height\" content=\"1920\">\n\t\t<\/span>\n\t\t\t\t<meta itemscope itemprop=\"mainEntityOfPage\" itemtype=\"https:\/\/schema.org\/WebPage\" itemid=\"https:\/\/www.psib-psoe.org\/mallorca\/els-socialistes-de-mallorca-insisteixen-al-govern-per-a-que-declari-balears-com-a-zona-tensada-per-alleugerir-el-cost-de-lhabitatge\/\">\n\t<\/aside>\n\t\t<\/article>\n<\/div>\n<div class=\"small-12 large-4 columns\">\n\t<article itemscope itemtype=\"http:\/\/schema.org\/Article\" class=\"post blog-style7 alt post-30627 type-post status-publish format-standard has-post-thumbnail hentry category-federacio-de-mallorca category-federacio-de-mallorca-portada category-municipis category-portada tag-amanda-fernandez tag-andreu-serra tag-ares-fernandez tag-biel-alomar tag-catalina-cladera tag-consell-de-mallorca tag-federacio-socialista-de-mallorca tag-joan-ferrer tag-joan-mendez-2 tag-psib-psoe tag-sofia-alonso\" role=\"article\">\n\t\t<figure class=\"post-gallery\"><img loading=\"lazy\" decoding=\"async\" width=\"600\" height=\"400\" src=\"https:\/\/www.psib-psoe.org\/mallorca\/wp-content\/uploads\/Executiva-111125-edited-1-600x400.jpeg\" class=\"attachment-notio-general-x2 size-notio-general-x2 wp-post-image\" alt=\"\" srcset=\"https:\/\/www.psib-psoe.org\/mallorca\/wp-content\/uploads\/Executiva-111125-edited-1-600x400.jpeg 600w, https:\/\/www.psib-psoe.org\/mallorca\/wp-content\/uploads\/Executiva-111125-edited-1-300x200.jpeg 300w, https:\/\/www.psib-psoe.org\/mallorca\/wp-content\/uploads\/Executiva-111125-edited-1-900x600.jpeg 900w, https:\/\/www.psib-psoe.org\/mallorca\/wp-content\/uploads\/Executiva-111125-edited-1-20x13.jpeg 20w\" sizes=\"(max-width: 600px) 100vw, 600px\" \/><\/figure>\n\t\t<div class=\"blog-top\">\n\t\t\t<header class=\"post-title entry-header\">\n\t\t\t\t<aside class=\"post-meta cf\">\n\t\t11\/11\/2025 \/ <a href=\"https:\/\/www.psib-psoe.org\/mallorca\/category\/federacio-de-mallorca\/\" rel=\"category tag\">Federaci\u00f3 de Mallorca<\/a>, <a href=\"https:\/\/www.psib-psoe.org\/mallorca\/category\/federacio-de-mallorca-portada\/\" rel=\"category tag\">Federaci\u00f3 de Mallorca - Portada<\/a>, <a href=\"https:\/\/www.psib-psoe.org\/mallorca\/category\/municipis\/\" rel=\"category tag\">Municipis<\/a>, <a href=\"https:\/\/www.psib-psoe.org\/mallorca\/category\/portada\/\" rel=\"category tag\">Portada<\/a><\/aside>\n\t\t\t\t<h3 itemprop=\"headline\"><a href=\"https:\/\/www.psib-psoe.org\/mallorca\/lexecutiva-de-la-fsm-insta-al-govern-a-apostar-per-la-mobilitat-sostenible-amb-la-gratuitat-del-transport-public-a-lilla\/\" title=\"L\u2019Executiva de la FSM insta al Govern a apostar per la mobilitat sostenible amb la gratu\u00eftat del transport p\u00fablic a l\u2019illa.\">L\u2019Executiva de la FSM insta al Govern a apostar per la mobilitat sostenible amb la gratu\u00eftat del transport p\u00fablic a l\u2019illa.<\/a><\/h3>\n\t\t\t<\/header>\n\t\t<\/div>\n\t\t<div class=\"post-content\">\n\t\t\t<a href=\"https:\/\/www.psib-psoe.org\/mallorca\/lexecutiva-de-la-fsm-insta-al-govern-a-apostar-per-la-mobilitat-sostenible-amb-la-gratuitat-del-transport-public-a-lilla\/\" class=\"more-link\">Read More<\/a>\n\t\t<\/div>\n\t\t\t<aside class=\"post-bottom-meta hide\">\n\t\t<strong rel=\"author\" itemprop=\"author\" class=\"author vcard\"><span class=\"fn\">Albert<\/span><\/strong>\n\t\t<time class=\"date published time\" datetime=\"2025-11-11T20:43:12+02:00\" itemprop=\"datePublished\" content=\"2025-11-11T20:43:12+02:00\">11\/11\/2025<\/time>\n\t\t<meta itemprop=\"dateModified\" class=\"date updated\" content=\"2025-11-11T20:43:26+02:00\">\n\t\t<span class=\"hide\" itemprop=\"publisher\" itemscope itemtype=\"https:\/\/schema.org\/Organization\">\n\t\t\t<meta itemprop=\"name\" content=\"SocialistesdMca\">\n\t\t\t<span itemprop=\"logo\" itemscope itemtype=\"https:\/\/schema.org\/ImageObject\">\n\t\t\t\t<meta itemprop=\"url\" content=\"https:\/\/www.psib-psoe.org\/mallorca\/wp-content\/themes\/notio-wp\/assets\/img\/logo.png\">\n\t\t\t<\/span>\n\t\t\t<meta itemprop=\"url\" content=\"https:\/\/www.psib-psoe.org\/mallorca\/\">\n\t\t<\/span>\n\t\t\t\t<span class=\"hide\" itemprop=\"image\" itemscope itemtype=\"http:\/\/schema.org\/ImageObject\">\n\t\t\t<meta itemprop=\"url\" content=\"https:\/\/www.psib-psoe.org\/mallorca\/wp-content\/uploads\/Executiva-111125-edited-1.jpeg\">\n\t\t\t<meta itemprop=\"width\" content=\"1536\">\n\t\t\t<meta itemprop=\"height\" content=\"864\">\n\t\t<\/span>\n\t\t\t\t<meta itemscope itemprop=\"mainEntityOfPage\" itemtype=\"https:\/\/schema.org\/WebPage\" itemid=\"https:\/\/www.psib-psoe.org\/mallorca\/lexecutiva-de-la-fsm-insta-al-govern-a-apostar-per-la-mobilitat-sostenible-amb-la-gratuitat-del-transport-public-a-lilla\/\">\n\t<\/aside>\n\t\t<\/article>\n<\/div>\n<div class=\"small-12 large-4 columns\">\n\t<article itemscope itemtype=\"http:\/\/schema.org\/Article\" class=\"post blog-style7 alt post-30623 type-post status-publish format-standard has-post-thumbnail hentry category-federacio-de-mallorca category-federacio-de-mallorca-portada category-municipis category-portada tag-amanda-fernandez tag-andreu-serra tag-ares-fernandez tag-bea-gamundi tag-biel-alomar tag-catalina-cladera tag-consell-de-mallorca tag-federacio-socialista-de-mallorca tag-joan-ferrer tag-joan-mendez-2 tag-juana-m-adrover tag-psib-psoe tag-sofia-alonso\" role=\"article\">\n\t\t<figure class=\"post-gallery\"><img loading=\"lazy\" decoding=\"async\" width=\"600\" height=\"400\" src=\"https:\/\/www.psib-psoe.org\/mallorca\/wp-content\/uploads\/Grup-ple-Marcial-281025-600x400.jpeg\" class=\"attachment-notio-general-x2 size-notio-general-x2 wp-post-image\" alt=\"\" srcset=\"https:\/\/www.psib-psoe.org\/mallorca\/wp-content\/uploads\/Grup-ple-Marcial-281025-600x400.jpeg 600w, https:\/\/www.psib-psoe.org\/mallorca\/wp-content\/uploads\/Grup-ple-Marcial-281025-300x200.jpeg 300w, https:\/\/www.psib-psoe.org\/mallorca\/wp-content\/uploads\/Grup-ple-Marcial-281025-900x600.jpeg 900w, https:\/\/www.psib-psoe.org\/mallorca\/wp-content\/uploads\/Grup-ple-Marcial-281025-20x13.jpeg 20w\" sizes=\"(max-width: 600px) 100vw, 600px\" \/><\/figure>\n\t\t<div class=\"blog-top\">\n\t\t\t<header class=\"post-title entry-header\">\n\t\t\t\t<aside class=\"post-meta cf\">\n\t\t11\/11\/2025 \/ <a href=\"https:\/\/www.psib-psoe.org\/mallorca\/category\/federacio-de-mallorca\/\" rel=\"category tag\">Federaci\u00f3 de Mallorca<\/a>, <a href=\"https:\/\/www.psib-psoe.org\/mallorca\/category\/federacio-de-mallorca-portada\/\" rel=\"category tag\">Federaci\u00f3 de Mallorca - Portada<\/a>, <a href=\"https:\/\/www.psib-psoe.org\/mallorca\/category\/municipis\/\" rel=\"category tag\">Municipis<\/a>, <a href=\"https:\/\/www.psib-psoe.org\/mallorca\/category\/portada\/\" rel=\"category tag\">Portada<\/a><\/aside>\n\t\t\t\t<h3 itemprop=\"headline\"><a href=\"https:\/\/www.psib-psoe.org\/mallorca\/el-consell-de-transparencia-estatal-constata-lobscurantisme-de-galmes-al-consell-ppvox\/\" title=\"El Consell de Transpar\u00e8ncia estatal constata l\u2019obscurantisme de Galm\u00e9s al Consell PPVox.\">El Consell de Transpar\u00e8ncia estatal constata l\u2019obscurantisme de Galm\u00e9s al Consell PPVox.<\/a><\/h3>\n\t\t\t<\/header>\n\t\t<\/div>\n\t\t<div class=\"post-content\">\n\t\t\t<a href=\"https:\/\/www.psib-psoe.org\/mallorca\/el-consell-de-transparencia-estatal-constata-lobscurantisme-de-galmes-al-consell-ppvox\/\" class=\"more-link\">Read More<\/a>\n\t\t<\/div>\n\t\t\t<aside class=\"post-bottom-meta hide\">\n\t\t<strong rel=\"author\" itemprop=\"author\" class=\"author vcard\"><span class=\"fn\">Albert<\/span><\/strong>\n\t\t<time class=\"date published time\" datetime=\"2025-11-11T11:50:12+02:00\" itemprop=\"datePublished\" content=\"2025-11-11T11:50:12+02:00\">11\/11\/2025<\/time>\n\t\t<meta itemprop=\"dateModified\" class=\"date updated\" content=\"2025-11-11T11:50:24+02:00\">\n\t\t<span class=\"hide\" itemprop=\"publisher\" itemscope itemtype=\"https:\/\/schema.org\/Organization\">\n\t\t\t<meta itemprop=\"name\" content=\"SocialistesdMca\">\n\t\t\t<span itemprop=\"logo\" itemscope itemtype=\"https:\/\/schema.org\/ImageObject\">\n\t\t\t\t<meta itemprop=\"url\" content=\"https:\/\/www.psib-psoe.org\/mallorca\/wp-content\/themes\/notio-wp\/assets\/img\/logo.png\">\n\t\t\t<\/span>\n\t\t\t<meta itemprop=\"url\" content=\"https:\/\/www.psib-psoe.org\/mallorca\/\">\n\t\t<\/span>\n\t\t\t\t<span class=\"hide\" itemprop=\"image\" itemscope itemtype=\"http:\/\/schema.org\/ImageObject\">\n\t\t\t<meta itemprop=\"url\" content=\"https:\/\/www.psib-psoe.org\/mallorca\/wp-content\/uploads\/Grup-ple-Marcial-281025.jpeg\">\n\t\t\t<meta itemprop=\"width\" content=\"1024\">\n\t\t\t<meta itemprop=\"height\" content=\"768\">\n\t\t<\/span>\n\t\t\t\t<meta itemscope itemprop=\"mainEntityOfPage\" itemtype=\"https:\/\/schema.org\/WebPage\" itemid=\"https:\/\/www.psib-psoe.org\/mallorca\/el-consell-de-transparencia-estatal-constata-lobscurantisme-de-galmes-al-consell-ppvox\/\">\n\t<\/aside>\n\t\t<\/article>\n<\/div>\n<div class=\"small-12 large-4 columns\">\n\t<article itemscope itemtype=\"http:\/\/schema.org\/Article\" class=\"post blog-style7 alt post-30621 type-post status-publish format-standard has-post-thumbnail hentry category-federacio-de-mallorca category-federacio-de-mallorca-portada category-municipis category-portada tag-agrupacio-socialista-de-valldemossa tag-amanda-fernandez tag-ares-fernandez tag-catalina-cladera tag-jaume-x-rossello tag-javier-de-juan tag-psib-psoe tag-teresa-suarez tag-tolo-aguilar tag-xisco-dalmau\" role=\"article\">\n\t\t<figure class=\"post-gallery\"><img loading=\"lazy\" decoding=\"async\" width=\"600\" height=\"400\" src=\"https:\/\/www.psib-psoe.org\/mallorca\/wp-content\/uploads\/FX-Rossello-600x400.jpeg\" class=\"attachment-notio-general-x2 size-notio-general-x2 wp-post-image\" alt=\"\" srcset=\"https:\/\/www.psib-psoe.org\/mallorca\/wp-content\/uploads\/FX-Rossello-600x400.jpeg 600w, https:\/\/www.psib-psoe.org\/mallorca\/wp-content\/uploads\/FX-Rossello-300x200.jpeg 300w, https:\/\/www.psib-psoe.org\/mallorca\/wp-content\/uploads\/FX-Rossello-900x600.jpeg 900w, https:\/\/www.psib-psoe.org\/mallorca\/wp-content\/uploads\/FX-Rossello-20x13.jpeg 20w\" sizes=\"(max-width: 600px) 100vw, 600px\" \/><\/figure>\n\t\t<div class=\"blog-top\">\n\t\t\t<header class=\"post-title entry-header\">\n\t\t\t\t<aside class=\"post-meta cf\">\n\t\t08\/11\/2025 \/ <a href=\"https:\/\/www.psib-psoe.org\/mallorca\/category\/federacio-de-mallorca\/\" rel=\"category tag\">Federaci\u00f3 de Mallorca<\/a>, <a href=\"https:\/\/www.psib-psoe.org\/mallorca\/category\/federacio-de-mallorca-portada\/\" rel=\"category tag\">Federaci\u00f3 de Mallorca - Portada<\/a>, <a href=\"https:\/\/www.psib-psoe.org\/mallorca\/category\/municipis\/\" rel=\"category tag\">Municipis<\/a>, <a href=\"https:\/\/www.psib-psoe.org\/mallorca\/category\/portada\/\" rel=\"category tag\">Portada<\/a><\/aside>\n\t\t\t\t<h3 itemprop=\"headline\"><a href=\"https:\/\/www.psib-psoe.org\/mallorca\/els-pares-i-mares-afectats-pel-tancament-de-lescoleta-municipal-de-valldemossa-reben-el-suport-dels-socialistes\/\" title=\"Els pares i mares afectats pel tancament de l\u2019Escoleta Municipal de Valldemossa reben el suport dels Socialistes.\">Els pares i mares afectats pel tancament de l\u2019Escoleta Municipal de Valldemossa reben el suport dels Socialistes.<\/a><\/h3>\n\t\t\t<\/header>\n\t\t<\/div>\n\t\t<div class=\"post-content\">\n\t\t\t<a href=\"https:\/\/www.psib-psoe.org\/mallorca\/els-pares-i-mares-afectats-pel-tancament-de-lescoleta-municipal-de-valldemossa-reben-el-suport-dels-socialistes\/\" class=\"more-link\">Read More<\/a>\n\t\t<\/div>\n\t\t\t<aside class=\"post-bottom-meta hide\">\n\t\t<strong rel=\"author\" itemprop=\"author\" class=\"author vcard\"><span class=\"fn\">Albert<\/span><\/strong>\n\t\t<time class=\"date published time\" datetime=\"2025-11-08T12:55:36+02:00\" itemprop=\"datePublished\" content=\"2025-11-08T12:55:36+02:00\">08\/11\/2025<\/time>\n\t\t<meta itemprop=\"dateModified\" class=\"date updated\" content=\"2025-11-08T12:55:47+02:00\">\n\t\t<span class=\"hide\" itemprop=\"publisher\" itemscope itemtype=\"https:\/\/schema.org\/Organization\">\n\t\t\t<meta itemprop=\"name\" content=\"SocialistesdMca\">\n\t\t\t<span itemprop=\"logo\" itemscope itemtype=\"https:\/\/schema.org\/ImageObject\">\n\t\t\t\t<meta itemprop=\"url\" content=\"https:\/\/www.psib-psoe.org\/mallorca\/wp-content\/themes\/notio-wp\/assets\/img\/logo.png\">\n\t\t\t<\/span>\n\t\t\t<meta itemprop=\"url\" content=\"https:\/\/www.psib-psoe.org\/mallorca\/\">\n\t\t<\/span>\n\t\t\t\t<span class=\"hide\" itemprop=\"image\" itemscope itemtype=\"http:\/\/schema.org\/ImageObject\">\n\t\t\t<meta itemprop=\"url\" content=\"https:\/\/www.psib-psoe.org\/mallorca\/wp-content\/uploads\/FX-Rossello.jpeg\">\n\t\t\t<meta itemprop=\"width\" content=\"1200\">\n\t\t\t<meta itemprop=\"height\" content=\"1600\">\n\t\t<\/span>\n\t\t\t\t<meta itemscope itemprop=\"mainEntityOfPage\" itemtype=\"https:\/\/schema.org\/WebPage\" itemid=\"https:\/\/www.psib-psoe.org\/mallorca\/els-pares-i-mares-afectats-pel-tancament-de-lescoleta-municipal-de-valldemossa-reben-el-suport-dels-socialistes\/\">\n\t<\/aside>\n\t\t<\/article>\n<\/div>\n<div class=\"small-12 large-4 columns\">\n\t<article itemscope itemtype=\"http:\/\/schema.org\/Article\" class=\"post blog-style7 alt post-30617 type-post status-publish format-standard has-post-thumbnail hentry category-federacio-de-mallorca category-federacio-de-mallorca-portada category-municipis category-portada tag-agrupacio-socialsita-de-calvia tag-alfonso-rodriguez tag-amanda-fernandez tag-catalina-cladera tag-federacio-socialista-de-mallorca tag-joan-mendez-2 tag-nati-frances tag-psib-psoe\" role=\"article\">\n\t\t<figure class=\"post-gallery\"><img loading=\"lazy\" decoding=\"async\" width=\"600\" height=\"400\" src=\"https:\/\/www.psib-psoe.org\/mallorca\/wp-content\/uploads\/Reunio-Galatzo-600x400.jpeg\" class=\"attachment-notio-general-x2 size-notio-general-x2 wp-post-image\" alt=\"\" srcset=\"https:\/\/www.psib-psoe.org\/mallorca\/wp-content\/uploads\/Reunio-Galatzo-600x400.jpeg 600w, https:\/\/www.psib-psoe.org\/mallorca\/wp-content\/uploads\/Reunio-Galatzo-300x200.jpeg 300w, https:\/\/www.psib-psoe.org\/mallorca\/wp-content\/uploads\/Reunio-Galatzo-900x600.jpeg 900w, https:\/\/www.psib-psoe.org\/mallorca\/wp-content\/uploads\/Reunio-Galatzo-20x13.jpeg 20w\" sizes=\"(max-width: 600px) 100vw, 600px\" \/><\/figure>\n\t\t<div class=\"blog-top\">\n\t\t\t<header class=\"post-title entry-header\">\n\t\t\t\t<aside class=\"post-meta cf\">\n\t\t07\/11\/2025 \/ <a href=\"https:\/\/www.psib-psoe.org\/mallorca\/category\/federacio-de-mallorca\/\" rel=\"category tag\">Federaci\u00f3 de Mallorca<\/a>, <a href=\"https:\/\/www.psib-psoe.org\/mallorca\/category\/federacio-de-mallorca-portada\/\" rel=\"category tag\">Federaci\u00f3 de Mallorca - Portada<\/a>, <a href=\"https:\/\/www.psib-psoe.org\/mallorca\/category\/municipis\/\" rel=\"category tag\">Municipis<\/a>, <a href=\"https:\/\/www.psib-psoe.org\/mallorca\/category\/portada\/\" rel=\"category tag\">Portada<\/a><\/aside>\n\t\t\t\t<h3 itemprop=\"headline\"><a href=\"https:\/\/www.psib-psoe.org\/mallorca\/els-socialistes-de-mallorca-a-favor-de-destinar-el-triangle-de-galatzo-a-habitatge-social-com-reclamen-els-veinats\/\" title=\"Els Socialistes de Mallorca a favor de destinar el Triangle de Galatz\u00f3 a habitatge social, com reclamen els ve\u00efnats.\">Els Socialistes de Mallorca a favor de destinar el Triangle de Galatz\u00f3 a habitatge social, com reclamen els ve\u00efnats.<\/a><\/h3>\n\t\t\t<\/header>\n\t\t<\/div>\n\t\t<div class=\"post-content\">\n\t\t\t<a href=\"https:\/\/www.psib-psoe.org\/mallorca\/els-socialistes-de-mallorca-a-favor-de-destinar-el-triangle-de-galatzo-a-habitatge-social-com-reclamen-els-veinats\/\" class=\"more-link\">Read More<\/a>\n\t\t<\/div>\n\t\t\t<aside class=\"post-bottom-meta hide\">\n\t\t<strong rel=\"author\" itemprop=\"author\" class=\"author vcard\"><span class=\"fn\">Albert<\/span><\/strong>\n\t\t<time class=\"date published time\" datetime=\"2025-11-07T12:50:16+02:00\" itemprop=\"datePublished\" content=\"2025-11-07T12:50:16+02:00\">07\/11\/2025<\/time>\n\t\t<meta itemprop=\"dateModified\" class=\"date updated\" content=\"2025-11-07T12:50:28+02:00\">\n\t\t<span class=\"hide\" itemprop=\"publisher\" itemscope itemtype=\"https:\/\/schema.org\/Organization\">\n\t\t\t<meta itemprop=\"name\" content=\"SocialistesdMca\">\n\t\t\t<span itemprop=\"logo\" itemscope itemtype=\"https:\/\/schema.org\/ImageObject\">\n\t\t\t\t<meta itemprop=\"url\" content=\"https:\/\/www.psib-psoe.org\/mallorca\/wp-content\/themes\/notio-wp\/assets\/img\/logo.png\">\n\t\t\t<\/span>\n\t\t\t<meta itemprop=\"url\" content=\"https:\/\/www.psib-psoe.org\/mallorca\/\">\n\t\t<\/span>\n\t\t\t\t<span class=\"hide\" itemprop=\"image\" itemscope itemtype=\"http:\/\/schema.org\/ImageObject\">\n\t\t\t<meta itemprop=\"url\" content=\"https:\/\/www.psib-psoe.org\/mallorca\/wp-content\/uploads\/Reunio-Galatzo.jpeg\">\n\t\t\t<meta itemprop=\"width\" content=\"1600\">\n\t\t\t<meta itemprop=\"height\" content=\"1200\">\n\t\t<\/span>\n\t\t\t\t<meta itemscope itemprop=\"mainEntityOfPage\" itemtype=\"https:\/\/schema.org\/WebPage\" itemid=\"https:\/\/www.psib-psoe.org\/mallorca\/els-socialistes-de-mallorca-a-favor-de-destinar-el-triangle-de-galatzo-a-habitatge-social-com-reclamen-els-veinats\/\">\n\t<\/aside>\n\t\t<\/article>\n<\/div>\n<div class=\"small-12 large-4 columns\">\n\t<article itemscope itemtype=\"http:\/\/schema.org\/Article\" class=\"post blog-style7 alt post-30611 type-post status-publish format-standard has-post-thumbnail hentry category-federacio-de-mallorca category-federacio-de-mallorca-portada category-municipis category-portada tag-amanda-fernandez tag-andreu-serra tag-ares-fernandez tag-bea-gamundi tag-biel-alomar tag-catalina-cladera tag-consell-de-mallorca tag-federacio-socialista-de-mallorca tag-joan-ferrer tag-joan-mendez-2 tag-juana-m-adrover tag-psib-psoe tag-sofia-alonso\" role=\"article\">\n\t\t<figure class=\"post-gallery\"><img loading=\"lazy\" decoding=\"async\" width=\"600\" height=\"400\" src=\"https:\/\/www.psib-psoe.org\/mallorca\/wp-content\/uploads\/Rdp-Transparencia-61125-600x400.jpeg\" class=\"attachment-notio-general-x2 size-notio-general-x2 wp-post-image\" alt=\"\" srcset=\"https:\/\/www.psib-psoe.org\/mallorca\/wp-content\/uploads\/Rdp-Transparencia-61125-600x400.jpeg 600w, https:\/\/www.psib-psoe.org\/mallorca\/wp-content\/uploads\/Rdp-Transparencia-61125-300x200.jpeg 300w, https:\/\/www.psib-psoe.org\/mallorca\/wp-content\/uploads\/Rdp-Transparencia-61125-900x600.jpeg 900w, https:\/\/www.psib-psoe.org\/mallorca\/wp-content\/uploads\/Rdp-Transparencia-61125-20x13.jpeg 20w\" sizes=\"(max-width: 600px) 100vw, 600px\" \/><\/figure>\n\t\t<div class=\"blog-top\">\n\t\t\t<header class=\"post-title entry-header\">\n\t\t\t\t<aside class=\"post-meta cf\">\n\t\t06\/11\/2025 \/ <a href=\"https:\/\/www.psib-psoe.org\/mallorca\/category\/federacio-de-mallorca\/\" rel=\"category tag\">Federaci\u00f3 de Mallorca<\/a>, <a href=\"https:\/\/www.psib-psoe.org\/mallorca\/category\/federacio-de-mallorca-portada\/\" rel=\"category tag\">Federaci\u00f3 de Mallorca - Portada<\/a>, <a href=\"https:\/\/www.psib-psoe.org\/mallorca\/category\/municipis\/\" rel=\"category tag\">Municipis<\/a>, <a href=\"https:\/\/www.psib-psoe.org\/mallorca\/category\/portada\/\" rel=\"category tag\">Portada<\/a><\/aside>\n\t\t\t\t<h3 itemprop=\"headline\"><a href=\"https:\/\/www.psib-psoe.org\/mallorca\/el-grup-socialista-mante-les-accions-legals-iniciades-contra-lequip-de-govern-de-galmes-pel-reiterat-i-deliberat-incompliment-de-la-normativa-en-materia-de-transparencia\/\" title=\"El Grup Socialista mant\u00e9 les accions legals iniciades contra l\u2019equip de govern de Galm\u00e9s, pel \u201creiterat i deliberat\u201d incompliment de la normativa en mat\u00e8ria de Transpar\u00e8ncia.\">El Grup Socialista mant\u00e9 les accions legals iniciades contra l\u2019equip de govern de Galm\u00e9s, pel \u201creiterat i deliberat\u201d incompliment de la normativa en mat\u00e8ria de Transpar\u00e8ncia.<\/a><\/h3>\n\t\t\t<\/header>\n\t\t<\/div>\n\t\t<div class=\"post-content\">\n\t\t\t<a href=\"https:\/\/www.psib-psoe.org\/mallorca\/el-grup-socialista-mante-les-accions-legals-iniciades-contra-lequip-de-govern-de-galmes-pel-reiterat-i-deliberat-incompliment-de-la-normativa-en-materia-de-transparencia\/\" class=\"more-link\">Read More<\/a>\n\t\t<\/div>\n\t\t\t<aside class=\"post-bottom-meta hide\">\n\t\t<strong rel=\"author\" itemprop=\"author\" class=\"author vcard\"><span class=\"fn\">Albert<\/span><\/strong>\n\t\t<time class=\"date published time\" datetime=\"2025-11-06T14:48:35+02:00\" itemprop=\"datePublished\" content=\"2025-11-06T14:48:35+02:00\">06\/11\/2025<\/time>\n\t\t<meta itemprop=\"dateModified\" class=\"date updated\" content=\"2025-11-06T14:48:46+02:00\">\n\t\t<span class=\"hide\" itemprop=\"publisher\" itemscope itemtype=\"https:\/\/schema.org\/Organization\">\n\t\t\t<meta itemprop=\"name\" content=\"SocialistesdMca\">\n\t\t\t<span itemprop=\"logo\" itemscope itemtype=\"https:\/\/schema.org\/ImageObject\">\n\t\t\t\t<meta itemprop=\"url\" content=\"https:\/\/www.psib-psoe.org\/mallorca\/wp-content\/themes\/notio-wp\/assets\/img\/logo.png\">\n\t\t\t<\/span>\n\t\t\t<meta itemprop=\"url\" content=\"https:\/\/www.psib-psoe.org\/mallorca\/\">\n\t\t<\/span>\n\t\t\t\t<span class=\"hide\" itemprop=\"image\" itemscope itemtype=\"http:\/\/schema.org\/ImageObject\">\n\t\t\t<meta itemprop=\"url\" content=\"https:\/\/www.psib-psoe.org\/mallorca\/wp-content\/uploads\/Rdp-Transparencia-61125.jpeg\">\n\t\t\t<meta itemprop=\"width\" content=\"1600\">\n\t\t\t<meta itemprop=\"height\" content=\"1200\">\n\t\t<\/span>\n\t\t\t\t<meta itemscope itemprop=\"mainEntityOfPage\" itemtype=\"https:\/\/schema.org\/WebPage\" itemid=\"https:\/\/www.psib-psoe.org\/mallorca\/el-grup-socialista-mante-les-accions-legals-iniciades-contra-lequip-de-govern-de-galmes-pel-reiterat-i-deliberat-incompliment-de-la-normativa-en-materia-de-transparencia\/\">\n\t<\/aside>\n\t\t<\/article>\n<\/div>\n<div class=\"small-12 large-4 columns\">\n\t<article itemscope itemtype=\"http:\/\/schema.org\/Article\" class=\"post blog-style7 alt post-30608 type-post status-publish format-standard has-post-thumbnail hentry category-federacio-de-mallorca category-federacio-de-mallorca-portada category-municipis category-portada tag-federacio-socialista-de-mallorca tag-jaume-mateu tag-psib-psoe tag-soller-2\" role=\"article\">\n\t\t<figure class=\"post-gallery\"><img loading=\"lazy\" decoding=\"async\" width=\"600\" height=\"400\" src=\"https:\/\/www.psib-psoe.org\/mallorca\/wp-content\/uploads\/250320-Executiva-Jaume-Mateu-600x400.jpg\" class=\"attachment-notio-general-x2 size-notio-general-x2 wp-post-image\" alt=\"\" srcset=\"https:\/\/www.psib-psoe.org\/mallorca\/wp-content\/uploads\/250320-Executiva-Jaume-Mateu-600x400.jpg 600w, https:\/\/www.psib-psoe.org\/mallorca\/wp-content\/uploads\/250320-Executiva-Jaume-Mateu-300x200.jpg 300w, https:\/\/www.psib-psoe.org\/mallorca\/wp-content\/uploads\/250320-Executiva-Jaume-Mateu-1024x683.jpg 1024w, https:\/\/www.psib-psoe.org\/mallorca\/wp-content\/uploads\/250320-Executiva-Jaume-Mateu-768x512.jpg 768w, https:\/\/www.psib-psoe.org\/mallorca\/wp-content\/uploads\/250320-Executiva-Jaume-Mateu-1536x1024.jpg 1536w, https:\/\/www.psib-psoe.org\/mallorca\/wp-content\/uploads\/250320-Executiva-Jaume-Mateu-2048x1365.jpg 2048w, https:\/\/www.psib-psoe.org\/mallorca\/wp-content\/uploads\/250320-Executiva-Jaume-Mateu-150x100.jpg 150w, https:\/\/www.psib-psoe.org\/mallorca\/wp-content\/uploads\/250320-Executiva-Jaume-Mateu-900x600.jpg 900w, https:\/\/www.psib-psoe.org\/mallorca\/wp-content\/uploads\/250320-Executiva-Jaume-Mateu-20x13.jpg 20w\" sizes=\"(max-width: 600px) 100vw, 600px\" \/><\/figure>\n\t\t<div class=\"blog-top\">\n\t\t\t<header class=\"post-title entry-header\">\n\t\t\t\t<aside class=\"post-meta cf\">\n\t\t06\/11\/2025 \/ <a href=\"https:\/\/www.psib-psoe.org\/mallorca\/category\/federacio-de-mallorca\/\" rel=\"category tag\">Federaci\u00f3 de Mallorca<\/a>, <a href=\"https:\/\/www.psib-psoe.org\/mallorca\/category\/federacio-de-mallorca-portada\/\" rel=\"category tag\">Federaci\u00f3 de Mallorca - Portada<\/a>, <a href=\"https:\/\/www.psib-psoe.org\/mallorca\/category\/municipis\/\" rel=\"category tag\">Municipis<\/a>, <a href=\"https:\/\/www.psib-psoe.org\/mallorca\/category\/portada\/\" rel=\"category tag\">Portada<\/a><\/aside>\n\t\t\t\t<h3 itemprop=\"headline\"><a href=\"https:\/\/www.psib-psoe.org\/mallorca\/els-socialistes-plantejaran-a-lajuntament-que-declari-soller-com-a-zona-tensada-per-topar-els-preus-del-lloguer-de-forma-immediata\/\" title=\"Els\u00a0socialistes plantejaran\u00a0a\u00a0l\u2019Ajuntament que declari S\u00f3ller\u00a0com a zona tensada per topar els preus del lloguer de forma\u00a0immediata\">Els\u00a0socialistes plantejaran\u00a0a\u00a0l\u2019Ajuntament que declari S\u00f3ller\u00a0com a zona tensada per topar els preus del lloguer de forma\u00a0immediata<\/a><\/h3>\n\t\t\t<\/header>\n\t\t<\/div>\n\t\t<div class=\"post-content\">\n\t\t\t<a href=\"https:\/\/www.psib-psoe.org\/mallorca\/els-socialistes-plantejaran-a-lajuntament-que-declari-soller-com-a-zona-tensada-per-topar-els-preus-del-lloguer-de-forma-immediata\/\" class=\"more-link\">Read More<\/a>\n\t\t<\/div>\n\t\t\t<aside class=\"post-bottom-meta hide\">\n\t\t<strong rel=\"author\" itemprop=\"author\" class=\"author vcard\"><span class=\"fn\">Marc<\/span><\/strong>\n\t\t<time class=\"date published time\" datetime=\"2025-11-06T13:42:24+02:00\" itemprop=\"datePublished\" content=\"2025-11-06T13:42:24+02:00\">06\/11\/2025<\/time>\n\t\t<meta itemprop=\"dateModified\" class=\"date updated\" content=\"2025-11-06T13:42:35+02:00\">\n\t\t<span class=\"hide\" itemprop=\"publisher\" itemscope itemtype=\"https:\/\/schema.org\/Organization\">\n\t\t\t<meta itemprop=\"name\" content=\"SocialistesdMca\">\n\t\t\t<span itemprop=\"logo\" itemscope itemtype=\"https:\/\/schema.org\/ImageObject\">\n\t\t\t\t<meta itemprop=\"url\" content=\"https:\/\/www.psib-psoe.org\/mallorca\/wp-content\/themes\/notio-wp\/assets\/img\/logo.png\">\n\t\t\t<\/span>\n\t\t\t<meta itemprop=\"url\" content=\"https:\/\/www.psib-psoe.org\/mallorca\/\">\n\t\t<\/span>\n\t\t\t\t<span class=\"hide\" itemprop=\"image\" itemscope itemtype=\"http:\/\/schema.org\/ImageObject\">\n\t\t\t<meta itemprop=\"url\" content=\"https:\/\/www.psib-psoe.org\/mallorca\/wp-content\/uploads\/250320-Executiva-Jaume-Mateu-scaled.jpg\">\n\t\t\t<meta itemprop=\"width\" content=\"2560\">\n\t\t\t<meta itemprop=\"height\" content=\"1707\">\n\t\t<\/span>\n\t\t\t\t<meta itemscope itemprop=\"mainEntityOfPage\" itemtype=\"https:\/\/schema.org\/WebPage\" itemid=\"https:\/\/www.psib-psoe.org\/mallorca\/els-socialistes-plantejaran-a-lajuntament-que-declari-soller-com-a-zona-tensada-per-topar-els-preus-del-lloguer-de-forma-immediata\/\">\n\t<\/aside>\n\t\t<\/article>\n<\/div>\n<div class=\"small-12 large-4 columns\">\n\t<article itemscope itemtype=\"http:\/\/schema.org\/Article\" class=\"post blog-style7 alt post-30605 type-post status-publish format-standard has-post-thumbnail hentry category-federacio-de-mallorca category-federacio-de-mallorca-portada category-municipis category-portada tag-amanda-fernandez tag-ares-fernandez tag-federacio-socialista-de-mallorca tag-joan-cuart tag-joventuts-socialistes-raiguer tag-jsma tag-psib-psoe tag-raiguer tag-xavi-colom\" role=\"article\">\n\t\t<figure class=\"post-gallery\"><img loading=\"lazy\" decoding=\"async\" width=\"600\" height=\"400\" src=\"https:\/\/www.psib-psoe.org\/mallorca\/wp-content\/uploads\/Joan-Cuart-i-Amanda-Fernandez-600x400.jpg\" class=\"attachment-notio-general-x2 size-notio-general-x2 wp-post-image\" alt=\"\" srcset=\"https:\/\/www.psib-psoe.org\/mallorca\/wp-content\/uploads\/Joan-Cuart-i-Amanda-Fernandez-600x400.jpg 600w, https:\/\/www.psib-psoe.org\/mallorca\/wp-content\/uploads\/Joan-Cuart-i-Amanda-Fernandez-300x200.jpg 300w, https:\/\/www.psib-psoe.org\/mallorca\/wp-content\/uploads\/Joan-Cuart-i-Amanda-Fernandez-900x600.jpg 900w, https:\/\/www.psib-psoe.org\/mallorca\/wp-content\/uploads\/Joan-Cuart-i-Amanda-Fernandez-20x13.jpg 20w\" sizes=\"(max-width: 600px) 100vw, 600px\" \/><\/figure>\n\t\t<div class=\"blog-top\">\n\t\t\t<header class=\"post-title entry-header\">\n\t\t\t\t<aside class=\"post-meta cf\">\n\t\t05\/11\/2025 \/ <a href=\"https:\/\/www.psib-psoe.org\/mallorca\/category\/federacio-de-mallorca\/\" rel=\"category tag\">Federaci\u00f3 de Mallorca<\/a>, <a href=\"https:\/\/www.psib-psoe.org\/mallorca\/category\/federacio-de-mallorca-portada\/\" rel=\"category tag\">Federaci\u00f3 de Mallorca - Portada<\/a>, <a href=\"https:\/\/www.psib-psoe.org\/mallorca\/category\/municipis\/\" rel=\"category tag\">Municipis<\/a>, <a href=\"https:\/\/www.psib-psoe.org\/mallorca\/category\/portada\/\" rel=\"category tag\">Portada<\/a><\/aside>\n\t\t\t\t<h3 itemprop=\"headline\"><a href=\"https:\/\/www.psib-psoe.org\/mallorca\/joan-cuart-elegit-nou-secretari-general-de-les-joventuts-socialistes-del-raiguer\/\" title=\"Joan Cuart\u00a0elegit nou secretari general de les Joventuts Socialistes del Raiguer\">Joan Cuart\u00a0elegit nou secretari general de les Joventuts Socialistes del Raiguer<\/a><\/h3>\n\t\t\t<\/header>\n\t\t<\/div>\n\t\t<div class=\"post-content\">\n\t\t\t<a href=\"https:\/\/www.psib-psoe.org\/mallorca\/joan-cuart-elegit-nou-secretari-general-de-les-joventuts-socialistes-del-raiguer\/\" class=\"more-link\">Read More<\/a>\n\t\t<\/div>\n\t\t\t<aside class=\"post-bottom-meta hide\">\n\t\t<strong rel=\"author\" itemprop=\"author\" class=\"author vcard\"><span class=\"fn\">Marc<\/span><\/strong>\n\t\t<time class=\"date published time\" datetime=\"2025-11-05T14:23:21+02:00\" itemprop=\"datePublished\" content=\"2025-11-05T14:23:21+02:00\">05\/11\/2025<\/time>\n\t\t<meta itemprop=\"dateModified\" class=\"date updated\" content=\"2025-11-05T14:23:33+02:00\">\n\t\t<span class=\"hide\" itemprop=\"publisher\" itemscope itemtype=\"https:\/\/schema.org\/Organization\">\n\t\t\t<meta itemprop=\"name\" content=\"SocialistesdMca\">\n\t\t\t<span itemprop=\"logo\" itemscope itemtype=\"https:\/\/schema.org\/ImageObject\">\n\t\t\t\t<meta itemprop=\"url\" content=\"https:\/\/www.psib-psoe.org\/mallorca\/wp-content\/themes\/notio-wp\/assets\/img\/logo.png\">\n\t\t\t<\/span>\n\t\t\t<meta itemprop=\"url\" content=\"https:\/\/www.psib-psoe.org\/mallorca\/\">\n\t\t<\/span>\n\t\t\t\t<span class=\"hide\" itemprop=\"image\" itemscope itemtype=\"http:\/\/schema.org\/ImageObject\">\n\t\t\t<meta itemprop=\"url\" content=\"https:\/\/www.psib-psoe.org\/mallorca\/wp-content\/uploads\/Joan-Cuart-i-Amanda-Fernandez-scaled.jpg\">\n\t\t\t<meta itemprop=\"width\" content=\"2560\">\n\t\t\t<meta itemprop=\"height\" content=\"2015\">\n\t\t<\/span>\n\t\t\t\t<meta itemscope itemprop=\"mainEntityOfPage\" itemtype=\"https:\/\/schema.org\/WebPage\" itemid=\"https:\/\/www.psib-psoe.org\/mallorca\/joan-cuart-elegit-nou-secretari-general-de-les-joventuts-socialistes-del-raiguer\/\">\n\t<\/aside>\n\t\t<\/article>\n<\/div>\n<div class=\"small-12 large-4 columns\">\n\t<article itemscope itemtype=\"http:\/\/schema.org\/Article\" class=\"post blog-style7 alt post-30602 type-post status-publish format-standard has-post-thumbnail hentry category-federacio-de-mallorca category-federacio-de-mallorca-portada category-municipis category-portada tag-amanda-fernandez tag-ares-fernandez tag-biel-alomar tag-federacio-socialista-de-mallorca tag-marga-portells tag-marti-siquier tag-muro tag-psib-psoe\" role=\"article\">\n\t\t<figure class=\"post-gallery\"><img loading=\"lazy\" decoding=\"async\" width=\"600\" height=\"400\" src=\"https:\/\/www.psib-psoe.org\/mallorca\/wp-content\/uploads\/MURO-MARTI-SIQUIER-600x400.jpg\" class=\"attachment-notio-general-x2 size-notio-general-x2 wp-post-image\" alt=\"\" srcset=\"https:\/\/www.psib-psoe.org\/mallorca\/wp-content\/uploads\/MURO-MARTI-SIQUIER-600x400.jpg 600w, https:\/\/www.psib-psoe.org\/mallorca\/wp-content\/uploads\/MURO-MARTI-SIQUIER-300x200.jpg 300w, https:\/\/www.psib-psoe.org\/mallorca\/wp-content\/uploads\/MURO-MARTI-SIQUIER-1024x683.jpg 1024w, https:\/\/www.psib-psoe.org\/mallorca\/wp-content\/uploads\/MURO-MARTI-SIQUIER-768x512.jpg 768w, https:\/\/www.psib-psoe.org\/mallorca\/wp-content\/uploads\/MURO-MARTI-SIQUIER-1536x1024.jpg 1536w, https:\/\/www.psib-psoe.org\/mallorca\/wp-content\/uploads\/MURO-MARTI-SIQUIER-2048x1365.jpg 2048w, https:\/\/www.psib-psoe.org\/mallorca\/wp-content\/uploads\/MURO-MARTI-SIQUIER-150x100.jpg 150w, https:\/\/www.psib-psoe.org\/mallorca\/wp-content\/uploads\/MURO-MARTI-SIQUIER-900x600.jpg 900w, https:\/\/www.psib-psoe.org\/mallorca\/wp-content\/uploads\/MURO-MARTI-SIQUIER-20x13.jpg 20w\" sizes=\"(max-width: 600px) 100vw, 600px\" \/><\/figure>\n\t\t<div class=\"blog-top\">\n\t\t\t<header class=\"post-title entry-header\">\n\t\t\t\t<aside class=\"post-meta cf\">\n\t\t05\/11\/2025 \/ <a href=\"https:\/\/www.psib-psoe.org\/mallorca\/category\/federacio-de-mallorca\/\" rel=\"category tag\">Federaci\u00f3 de Mallorca<\/a>, <a href=\"https:\/\/www.psib-psoe.org\/mallorca\/category\/federacio-de-mallorca-portada\/\" rel=\"category tag\">Federaci\u00f3 de Mallorca - Portada<\/a>, <a href=\"https:\/\/www.psib-psoe.org\/mallorca\/category\/municipis\/\" rel=\"category tag\">Municipis<\/a>, <a href=\"https:\/\/www.psib-psoe.org\/mallorca\/category\/portada\/\" rel=\"category tag\">Portada<\/a><\/aside>\n\t\t\t\t<h3 itemprop=\"headline\"><a href=\"https:\/\/www.psib-psoe.org\/mallorca\/els-socialistes-de-muro-elegeixen-la-nova-comissio-executiva-amb-marti-siquier-com-a-secretari-general\/\" title=\"Els Socialistes de Muro elegeixen la nova comissi\u00f3 executiva amb Mart\u00ed Siquier com a secretari general\">Els Socialistes de Muro elegeixen la nova comissi\u00f3 executiva amb Mart\u00ed Siquier com a secretari general<\/a><\/h3>\n\t\t\t<\/header>\n\t\t<\/div>\n\t\t<div class=\"post-content\">\n\t\t\t<a href=\"https:\/\/www.psib-psoe.org\/mallorca\/els-socialistes-de-muro-elegeixen-la-nova-comissio-executiva-amb-marti-siquier-com-a-secretari-general\/\" class=\"more-link\">Read More<\/a>\n\t\t<\/div>\n\t\t\t<aside class=\"post-bottom-meta hide\">\n\t\t<strong rel=\"author\" itemprop=\"author\" class=\"author vcard\"><span class=\"fn\">Marc<\/span><\/strong>\n\t\t<time class=\"date published time\" datetime=\"2025-11-05T13:34:16+02:00\" itemprop=\"datePublished\" content=\"2025-11-05T13:34:16+02:00\">05\/11\/2025<\/time>\n\t\t<meta itemprop=\"dateModified\" class=\"date updated\" content=\"2025-11-05T13:34:29+02:00\">\n\t\t<span class=\"hide\" itemprop=\"publisher\" itemscope itemtype=\"https:\/\/schema.org\/Organization\">\n\t\t\t<meta itemprop=\"name\" content=\"SocialistesdMca\">\n\t\t\t<span itemprop=\"logo\" itemscope itemtype=\"https:\/\/schema.org\/ImageObject\">\n\t\t\t\t<meta itemprop=\"url\" content=\"https:\/\/www.psib-psoe.org\/mallorca\/wp-content\/themes\/notio-wp\/assets\/img\/logo.png\">\n\t\t\t<\/span>\n\t\t\t<meta itemprop=\"url\" content=\"https:\/\/www.psib-psoe.org\/mallorca\/\">\n\t\t<\/span>\n\t\t\t\t<span class=\"hide\" itemprop=\"image\" itemscope itemtype=\"http:\/\/schema.org\/ImageObject\">\n\t\t\t<meta itemprop=\"url\" content=\"https:\/\/www.psib-psoe.org\/mallorca\/wp-content\/uploads\/MURO-MARTI-SIQUIER-scaled.jpg\">\n\t\t\t<meta itemprop=\"width\" content=\"2560\">\n\t\t\t<meta itemprop=\"height\" content=\"1707\">\n\t\t<\/span>\n\t\t\t\t<meta itemscope itemprop=\"mainEntityOfPage\" itemtype=\"https:\/\/schema.org\/WebPage\" itemid=\"https:\/\/www.psib-psoe.org\/mallorca\/els-socialistes-de-muro-elegeixen-la-nova-comissio-executiva-amb-marti-siquier-com-a-secretari-general\/\">\n\t<\/aside>\n\t\t<\/article>\n<\/div>\n<div class=\"small-12 large-4 columns\">\n\t<article itemscope itemtype=\"http:\/\/schema.org\/Article\" class=\"post blog-style7 alt post-30599 type-post status-publish format-standard has-post-thumbnail hentry category-federacio-de-mallorca category-federacio-de-mallorca-portada category-municipis category-portada tag-amanda-fernandez tag-andreu-serra tag-ares-fernandez tag-bea-gamundi tag-biel-alomar tag-catalina-cladera tag-consell-de-mallorca tag-federacio-socialista-de-mallorca tag-joan-ferrer tag-joan-mendez-2 tag-juana-m-adrover tag-psib-psoe tag-sofia-alonso\" role=\"article\">\n\t\t<figure class=\"post-gallery\"><img loading=\"lazy\" decoding=\"async\" width=\"600\" height=\"400\" src=\"https:\/\/www.psib-psoe.org\/mallorca\/wp-content\/uploads\/Grup-Mendez-091025-1-1-edited-600x400.jpeg\" class=\"attachment-notio-general-x2 size-notio-general-x2 wp-post-image\" alt=\"\" srcset=\"https:\/\/www.psib-psoe.org\/mallorca\/wp-content\/uploads\/Grup-Mendez-091025-1-1-edited-600x400.jpeg 600w, https:\/\/www.psib-psoe.org\/mallorca\/wp-content\/uploads\/Grup-Mendez-091025-1-1-edited-300x200.jpeg 300w, https:\/\/www.psib-psoe.org\/mallorca\/wp-content\/uploads\/Grup-Mendez-091025-1-1-edited-900x600.jpeg 900w, https:\/\/www.psib-psoe.org\/mallorca\/wp-content\/uploads\/Grup-Mendez-091025-1-1-edited-20x13.jpeg 20w\" sizes=\"(max-width: 600px) 100vw, 600px\" \/><\/figure>\n\t\t<div class=\"blog-top\">\n\t\t\t<header class=\"post-title entry-header\">\n\t\t\t\t<aside class=\"post-meta cf\">\n\t\t04\/11\/2025 \/ <a href=\"https:\/\/www.psib-psoe.org\/mallorca\/category\/federacio-de-mallorca\/\" rel=\"category tag\">Federaci\u00f3 de Mallorca<\/a>, <a href=\"https:\/\/www.psib-psoe.org\/mallorca\/category\/federacio-de-mallorca-portada\/\" rel=\"category tag\">Federaci\u00f3 de Mallorca - Portada<\/a>, <a href=\"https:\/\/www.psib-psoe.org\/mallorca\/category\/municipis\/\" rel=\"category tag\">Municipis<\/a>, <a href=\"https:\/\/www.psib-psoe.org\/mallorca\/category\/portada\/\" rel=\"category tag\">Portada<\/a><\/aside>\n\t\t\t\t<h3 itemprop=\"headline\"><a href=\"https:\/\/www.psib-psoe.org\/mallorca\/el-grup-socialista-critica-que-galmes-convoqui-els-partits-nomes-per-parlar-del-conveni-de-carreteres-i-no-sobre-el-model-de-mobilitat-sostenible-que-necessita-mallorca\/\" title=\"El Grup Socialista critica que Galm\u00e9s convoqui els partits nom\u00e9s per parlar del conveni de carreteres i no sobre el model de mobilitat sostenible que necessita Mallorca.\">El Grup Socialista critica que Galm\u00e9s convoqui els partits nom\u00e9s per parlar del conveni de carreteres i no sobre el model de mobilitat sostenible que necessita Mallorca.<\/a><\/h3>\n\t\t\t<\/header>\n\t\t<\/div>\n\t\t<div class=\"post-content\">\n\t\t\t<a href=\"https:\/\/www.psib-psoe.org\/mallorca\/el-grup-socialista-critica-que-galmes-convoqui-els-partits-nomes-per-parlar-del-conveni-de-carreteres-i-no-sobre-el-model-de-mobilitat-sostenible-que-necessita-mallorca\/\" class=\"more-link\">Read More<\/a>\n\t\t<\/div>\n\t\t\t<aside class=\"post-bottom-meta hide\">\n\t\t<strong rel=\"author\" itemprop=\"author\" class=\"author vcard\"><span class=\"fn\">Albert<\/span><\/strong>\n\t\t<time class=\"date published time\" datetime=\"2025-11-04T18:13:35+02:00\" itemprop=\"datePublished\" content=\"2025-11-04T18:13:35+02:00\">04\/11\/2025<\/time>\n\t\t<meta itemprop=\"dateModified\" class=\"date updated\" content=\"2025-11-04T18:13:48+02:00\">\n\t\t<span class=\"hide\" itemprop=\"publisher\" itemscope itemtype=\"https:\/\/schema.org\/Organization\">\n\t\t\t<meta itemprop=\"name\" content=\"SocialistesdMca\">\n\t\t\t<span itemprop=\"logo\" itemscope itemtype=\"https:\/\/schema.org\/ImageObject\">\n\t\t\t\t<meta itemprop=\"url\" content=\"https:\/\/www.psib-psoe.org\/mallorca\/wp-content\/themes\/notio-wp\/assets\/img\/logo.png\">\n\t\t\t<\/span>\n\t\t\t<meta itemprop=\"url\" content=\"https:\/\/www.psib-psoe.org\/mallorca\/\">\n\t\t<\/span>\n\t\t\t\t<span class=\"hide\" itemprop=\"image\" itemscope itemtype=\"http:\/\/schema.org\/ImageObject\">\n\t\t\t<meta itemprop=\"url\" content=\"https:\/\/www.psib-psoe.org\/mallorca\/wp-content\/uploads\/Grup-Mendez-091025-1-1-edited.jpeg\">\n\t\t\t<meta itemprop=\"width\" content=\"1200\">\n\t\t\t<meta itemprop=\"height\" content=\"675\">\n\t\t<\/span>\n\t\t\t\t<meta itemscope itemprop=\"mainEntityOfPage\" itemtype=\"https:\/\/schema.org\/WebPage\" itemid=\"https:\/\/www.psib-psoe.org\/mallorca\/el-grup-socialista-critica-que-galmes-convoqui-els-partits-nomes-per-parlar-del-conveni-de-carreteres-i-no-sobre-el-model-de-mobilitat-sostenible-que-necessita-mallorca\/\">\n\t<\/aside>\n\t\t<\/article>\n<\/div>\n<div class=\"small-12 large-4 columns\">\n\t<article itemscope itemtype=\"http:\/\/schema.org\/Article\" class=\"post blog-style7 alt post-30596 type-post status-publish format-standard has-post-thumbnail hentry category-federacio-de-mallorca category-federacio-de-mallorca-portada category-municipis category-portada tag-amanda-fernandez tag-andreu-serra tag-ares-fernandez tag-bea-gamundi tag-biel-alomar tag-catalina-cladera tag-consell-de-mallorca tag-federacio-socialista-de-mallorca tag-joan-ferrer tag-joan-mendez-2 tag-juana-m-adrover tag-psib-psoe tag-sofia-alonso\" role=\"article\">\n\t\t<figure class=\"post-gallery\"><img loading=\"lazy\" decoding=\"async\" width=\"600\" height=\"400\" src=\"https:\/\/www.psib-psoe.org\/mallorca\/wp-content\/uploads\/Grup-ple-Marcial-281025-600x400.jpeg\" class=\"attachment-notio-general-x2 size-notio-general-x2 wp-post-image\" alt=\"\" srcset=\"https:\/\/www.psib-psoe.org\/mallorca\/wp-content\/uploads\/Grup-ple-Marcial-281025-600x400.jpeg 600w, https:\/\/www.psib-psoe.org\/mallorca\/wp-content\/uploads\/Grup-ple-Marcial-281025-300x200.jpeg 300w, https:\/\/www.psib-psoe.org\/mallorca\/wp-content\/uploads\/Grup-ple-Marcial-281025-900x600.jpeg 900w, https:\/\/www.psib-psoe.org\/mallorca\/wp-content\/uploads\/Grup-ple-Marcial-281025-20x13.jpeg 20w\" sizes=\"(max-width: 600px) 100vw, 600px\" \/><\/figure>\n\t\t<div class=\"blog-top\">\n\t\t\t<header class=\"post-title entry-header\">\n\t\t\t\t<aside class=\"post-meta cf\">\n\t\t03\/11\/2025 \/ <a href=\"https:\/\/www.psib-psoe.org\/mallorca\/category\/federacio-de-mallorca\/\" rel=\"category tag\">Federaci\u00f3 de Mallorca<\/a>, <a href=\"https:\/\/www.psib-psoe.org\/mallorca\/category\/federacio-de-mallorca-portada\/\" rel=\"category tag\">Federaci\u00f3 de Mallorca - Portada<\/a>, <a href=\"https:\/\/www.psib-psoe.org\/mallorca\/category\/municipis\/\" rel=\"category tag\">Municipis<\/a>, <a href=\"https:\/\/www.psib-psoe.org\/mallorca\/category\/portada\/\" rel=\"category tag\">Portada<\/a><\/aside>\n\t\t\t\t<h3 itemprop=\"headline\"><a href=\"https:\/\/www.psib-psoe.org\/mallorca\/la-presencia-de-mallorca-a-la-world-travel-market-evidencia-el-desgavell-de-la-gestio-de-j-marcial-rodriguez-al-departament-de-turisme-del-consell\/\" title=\"La pres\u00e8ncia de Mallorca a la World Travel Market evidencia el desgavell de la gesti\u00f3 de J. Marcial Rodr\u00edguez al departament de Turisme del Consell.\">La pres\u00e8ncia de Mallorca a la World Travel Market evidencia el desgavell de la gesti\u00f3 de J. Marcial Rodr\u00edguez al departament de Turisme del Consell.<\/a><\/h3>\n\t\t\t<\/header>\n\t\t<\/div>\n\t\t<div class=\"post-content\">\n\t\t\t<a href=\"https:\/\/www.psib-psoe.org\/mallorca\/la-presencia-de-mallorca-a-la-world-travel-market-evidencia-el-desgavell-de-la-gestio-de-j-marcial-rodriguez-al-departament-de-turisme-del-consell\/\" class=\"more-link\">Read More<\/a>\n\t\t<\/div>\n\t\t\t<aside class=\"post-bottom-meta hide\">\n\t\t<strong rel=\"author\" itemprop=\"author\" class=\"author vcard\"><span class=\"fn\">Albert<\/span><\/strong>\n\t\t<time class=\"date published time\" datetime=\"2025-11-03T13:36:57+02:00\" itemprop=\"datePublished\" content=\"2025-11-03T13:36:57+02:00\">03\/11\/2025<\/time>\n\t\t<meta itemprop=\"dateModified\" class=\"date updated\" content=\"2025-11-03T13:37:09+02:00\">\n\t\t<span class=\"hide\" itemprop=\"publisher\" itemscope itemtype=\"https:\/\/schema.org\/Organization\">\n\t\t\t<meta itemprop=\"name\" content=\"SocialistesdMca\">\n\t\t\t<span itemprop=\"logo\" itemscope itemtype=\"https:\/\/schema.org\/ImageObject\">\n\t\t\t\t<meta itemprop=\"url\" content=\"https:\/\/www.psib-psoe.org\/mallorca\/wp-content\/themes\/notio-wp\/assets\/img\/logo.png\">\n\t\t\t<\/span>\n\t\t\t<meta itemprop=\"url\" content=\"https:\/\/www.psib-psoe.org\/mallorca\/\">\n\t\t<\/span>\n\t\t\t\t<span class=\"hide\" itemprop=\"image\" itemscope itemtype=\"http:\/\/schema.org\/ImageObject\">\n\t\t\t<meta itemprop=\"url\" content=\"https:\/\/www.psib-psoe.org\/mallorca\/wp-content\/uploads\/Grup-ple-Marcial-281025.jpeg\">\n\t\t\t<meta itemprop=\"width\" content=\"1024\">\n\t\t\t<meta itemprop=\"height\" content=\"768\">\n\t\t<\/span>\n\t\t\t\t<meta itemscope itemprop=\"mainEntityOfPage\" itemtype=\"https:\/\/schema.org\/WebPage\" itemid=\"https:\/\/www.psib-psoe.org\/mallorca\/la-presencia-de-mallorca-a-la-world-travel-market-evidencia-el-desgavell-de-la-gestio-de-j-marcial-rodriguez-al-departament-de-turisme-del-consell\/\">\n\t<\/aside>\n\t\t<\/article>\n<\/div>\n<div class=\"small-12 large-4 columns\">\n\t<article itemscope itemtype=\"http:\/\/schema.org\/Article\" class=\"post blog-style7 alt post-30590 type-post status-publish format-standard has-post-thumbnail hentry category-federacio-de-mallorca category-federacio-de-mallorca-portada category-municipis category-portada tag-amanda-fernandez tag-andreu-serra tag-ares-fernandez tag-bea-gamundi tag-biel-alomar tag-catalina-cladera tag-consell-de-mallorca tag-federacio-socialista-de-mallorca tag-joan-ferrer tag-joan-mendez-2 tag-juana-m-adrover tag-psib-psoe tag-sofia-alonso\" role=\"article\">\n\t\t<figure class=\"post-gallery\"><img loading=\"lazy\" decoding=\"async\" width=\"600\" height=\"400\" src=\"https:\/\/www.psib-psoe.org\/mallorca\/wp-content\/uploads\/Adrover-Mateu-Torrent-Gros-600x400.jpeg\" class=\"attachment-notio-general-x2 size-notio-general-x2 wp-post-image\" alt=\"\" srcset=\"https:\/\/www.psib-psoe.org\/mallorca\/wp-content\/uploads\/Adrover-Mateu-Torrent-Gros-600x400.jpeg 600w, https:\/\/www.psib-psoe.org\/mallorca\/wp-content\/uploads\/Adrover-Mateu-Torrent-Gros-300x200.jpeg 300w, https:\/\/www.psib-psoe.org\/mallorca\/wp-content\/uploads\/Adrover-Mateu-Torrent-Gros-900x600.jpeg 900w, https:\/\/www.psib-psoe.org\/mallorca\/wp-content\/uploads\/Adrover-Mateu-Torrent-Gros-20x13.jpeg 20w\" sizes=\"(max-width: 600px) 100vw, 600px\" \/><\/figure>\n\t\t<div class=\"blog-top\">\n\t\t\t<header class=\"post-title entry-header\">\n\t\t\t\t<aside class=\"post-meta cf\">\n\t\t31\/10\/2025 \/ <a href=\"https:\/\/www.psib-psoe.org\/mallorca\/category\/federacio-de-mallorca\/\" rel=\"category tag\">Federaci\u00f3 de Mallorca<\/a>, <a href=\"https:\/\/www.psib-psoe.org\/mallorca\/category\/federacio-de-mallorca-portada\/\" rel=\"category tag\">Federaci\u00f3 de Mallorca - Portada<\/a>, <a href=\"https:\/\/www.psib-psoe.org\/mallorca\/category\/municipis\/\" rel=\"category tag\">Municipis<\/a>, <a href=\"https:\/\/www.psib-psoe.org\/mallorca\/category\/portada\/\" rel=\"category tag\">Portada<\/a><\/aside>\n\t\t\t\t<h3 itemprop=\"headline\"><a href=\"https:\/\/www.psib-psoe.org\/mallorca\/el-psib-psoe-alerta-del-mal-del-negacionisme-del-canvi-climatic-de-ppvox-al-consell-de-mallorca-i-fa-una-crida-a-prevenir-els-fenomens-extrems\/\" title=\"El PSIB-PSOE alerta del mal del negacionisme del canvi clim\u00e0tic de PPVox al Consell de Mallorca, i fa una crida per prevenir els fen\u00f2mens extrems.\">El PSIB-PSOE alerta del mal del negacionisme del canvi clim\u00e0tic de PPVox al Consell de Mallorca, i fa una crida per prevenir els fen\u00f2mens extrems.<\/a><\/h3>\n\t\t\t<\/header>\n\t\t<\/div>\n\t\t<div class=\"post-content\">\n\t\t\t<a href=\"https:\/\/www.psib-psoe.org\/mallorca\/el-psib-psoe-alerta-del-mal-del-negacionisme-del-canvi-climatic-de-ppvox-al-consell-de-mallorca-i-fa-una-crida-a-prevenir-els-fenomens-extrems\/\" class=\"more-link\">Read More<\/a>\n\t\t<\/div>\n\t\t\t<aside class=\"post-bottom-meta hide\">\n\t\t<strong rel=\"author\" itemprop=\"author\" class=\"author vcard\"><span class=\"fn\">Albert<\/span><\/strong>\n\t\t<time class=\"date published time\" datetime=\"2025-10-31T14:14:08+02:00\" itemprop=\"datePublished\" content=\"2025-10-31T14:14:08+02:00\">31\/10\/2025<\/time>\n\t\t<meta itemprop=\"dateModified\" class=\"date updated\" content=\"2025-10-31T14:16:30+02:00\">\n\t\t<span class=\"hide\" itemprop=\"publisher\" itemscope itemtype=\"https:\/\/schema.org\/Organization\">\n\t\t\t<meta itemprop=\"name\" content=\"SocialistesdMca\">\n\t\t\t<span itemprop=\"logo\" itemscope itemtype=\"https:\/\/schema.org\/ImageObject\">\n\t\t\t\t<meta itemprop=\"url\" content=\"https:\/\/www.psib-psoe.org\/mallorca\/wp-content\/themes\/notio-wp\/assets\/img\/logo.png\">\n\t\t\t<\/span>\n\t\t\t<meta itemprop=\"url\" content=\"https:\/\/www.psib-psoe.org\/mallorca\/\">\n\t\t<\/span>\n\t\t\t\t<span class=\"hide\" itemprop=\"image\" itemscope itemtype=\"http:\/\/schema.org\/ImageObject\">\n\t\t\t<meta itemprop=\"url\" content=\"https:\/\/www.psib-psoe.org\/mallorca\/wp-content\/uploads\/Adrover-Mateu-Torrent-Gros-scaled.jpeg\">\n\t\t\t<meta itemprop=\"width\" content=\"1920\">\n\t\t\t<meta itemprop=\"height\" content=\"2560\">\n\t\t<\/span>\n\t\t\t\t<meta itemscope itemprop=\"mainEntityOfPage\" itemtype=\"https:\/\/schema.org\/WebPage\" itemid=\"https:\/\/www.psib-psoe.org\/mallorca\/el-psib-psoe-alerta-del-mal-del-negacionisme-del-canvi-climatic-de-ppvox-al-consell-de-mallorca-i-fa-una-crida-a-prevenir-els-fenomens-extrems\/\">\n\t<\/aside>\n\t\t<\/article>\n<\/div>\n<div class=\"small-12 large-4 columns\">\n\t<article itemscope itemtype=\"http:\/\/schema.org\/Article\" class=\"post blog-style7 alt post-30587 type-post status-publish format-standard has-post-thumbnail hentry category-federacio-de-mallorca category-federacio-de-mallorca-portada category-municipis category-portada tag-amanda-fernandez tag-andreu-serra tag-ares-fernandez tag-bea-gamundi tag-biel-alomar tag-catalina-cladera tag-consell-de-mallorca tag-federacio-socialista-de-mallorca tag-joan-ferrer tag-joan-mendez-2 tag-juana-m-adrover tag-psib-psoe tag-sofia-alonso\" role=\"article\">\n\t\t<figure class=\"post-gallery\"><img loading=\"lazy\" decoding=\"async\" width=\"600\" height=\"400\" src=\"https:\/\/www.psib-psoe.org\/mallorca\/wp-content\/uploads\/WhatsApp-Image-2025-10-30-at-15.29.15-600x400.jpeg\" class=\"attachment-notio-general-x2 size-notio-general-x2 wp-post-image\" alt=\"\" srcset=\"https:\/\/www.psib-psoe.org\/mallorca\/wp-content\/uploads\/WhatsApp-Image-2025-10-30-at-15.29.15-600x400.jpeg 600w, https:\/\/www.psib-psoe.org\/mallorca\/wp-content\/uploads\/WhatsApp-Image-2025-10-30-at-15.29.15-300x200.jpeg 300w, https:\/\/www.psib-psoe.org\/mallorca\/wp-content\/uploads\/WhatsApp-Image-2025-10-30-at-15.29.15-900x600.jpeg 900w, https:\/\/www.psib-psoe.org\/mallorca\/wp-content\/uploads\/WhatsApp-Image-2025-10-30-at-15.29.15-20x13.jpeg 20w\" sizes=\"(max-width: 600px) 100vw, 600px\" \/><\/figure>\n\t\t<div class=\"blog-top\">\n\t\t\t<header class=\"post-title entry-header\">\n\t\t\t\t<aside class=\"post-meta cf\">\n\t\t30\/10\/2025 \/ <a href=\"https:\/\/www.psib-psoe.org\/mallorca\/category\/federacio-de-mallorca\/\" rel=\"category tag\">Federaci\u00f3 de Mallorca<\/a>, <a href=\"https:\/\/www.psib-psoe.org\/mallorca\/category\/federacio-de-mallorca-portada\/\" rel=\"category tag\">Federaci\u00f3 de Mallorca - Portada<\/a>, <a href=\"https:\/\/www.psib-psoe.org\/mallorca\/category\/municipis\/\" rel=\"category tag\">Municipis<\/a>, <a href=\"https:\/\/www.psib-psoe.org\/mallorca\/category\/portada\/\" rel=\"category tag\">Portada<\/a><\/aside>\n\t\t\t\t<h3 itemprop=\"headline\"><a href=\"https:\/\/www.psib-psoe.org\/mallorca\/el-psib-psoe-exigeix-explicacions-sobre-la-retirada-dels-trens-tram-a-les-linies-de-lsfm-i-acusa-el-pp-de-desatendre-un-cop-mes-el-transport-public-a-mallorca\/\" title=\"El PSIB-PSOE exigeix explicacions sobre la retirada dels trens-tram a les l\u00ednies de l\u2019SFM i acusa el PP de desatendre, un cop m\u00e9s, el transport p\u00fablic a Mallorca.\">El PSIB-PSOE exigeix explicacions sobre la retirada dels trens-tram a les l\u00ednies de l\u2019SFM i acusa el PP de desatendre, un cop m\u00e9s, el transport p\u00fablic a Mallorca.<\/a><\/h3>\n\t\t\t<\/header>\n\t\t<\/div>\n\t\t<div class=\"post-content\">\n\t\t\t<a href=\"https:\/\/www.psib-psoe.org\/mallorca\/el-psib-psoe-exigeix-explicacions-sobre-la-retirada-dels-trens-tram-a-les-linies-de-lsfm-i-acusa-el-pp-de-desatendre-un-cop-mes-el-transport-public-a-mallorca\/\" class=\"more-link\">Read More<\/a>\n\t\t<\/div>\n\t\t\t<aside class=\"post-bottom-meta hide\">\n\t\t<strong rel=\"author\" itemprop=\"author\" class=\"author vcard\"><span class=\"fn\">Albert<\/span><\/strong>\n\t\t<time class=\"date published time\" datetime=\"2025-10-30T17:16:46+02:00\" itemprop=\"datePublished\" content=\"2025-10-30T17:16:46+02:00\">30\/10\/2025<\/time>\n\t\t<meta itemprop=\"dateModified\" class=\"date updated\" content=\"2025-10-30T17:16:59+02:00\">\n\t\t<span class=\"hide\" itemprop=\"publisher\" itemscope itemtype=\"https:\/\/schema.org\/Organization\">\n\t\t\t<meta itemprop=\"name\" content=\"SocialistesdMca\">\n\t\t\t<span itemprop=\"logo\" itemscope itemtype=\"https:\/\/schema.org\/ImageObject\">\n\t\t\t\t<meta itemprop=\"url\" content=\"https:\/\/www.psib-psoe.org\/mallorca\/wp-content\/themes\/notio-wp\/assets\/img\/logo.png\">\n\t\t\t<\/span>\n\t\t\t<meta itemprop=\"url\" content=\"https:\/\/www.psib-psoe.org\/mallorca\/\">\n\t\t<\/span>\n\t\t\t\t<span class=\"hide\" itemprop=\"image\" itemscope itemtype=\"http:\/\/schema.org\/ImageObject\">\n\t\t\t<meta itemprop=\"url\" content=\"https:\/\/www.psib-psoe.org\/mallorca\/wp-content\/uploads\/WhatsApp-Image-2025-10-30-at-15.29.15.jpeg\">\n\t\t\t<meta itemprop=\"width\" content=\"1133\">\n\t\t\t<meta itemprop=\"height\" content=\"1393\">\n\t\t<\/span>\n\t\t\t\t<meta itemscope itemprop=\"mainEntityOfPage\" itemtype=\"https:\/\/schema.org\/WebPage\" itemid=\"https:\/\/www.psib-psoe.org\/mallorca\/el-psib-psoe-exigeix-explicacions-sobre-la-retirada-dels-trens-tram-a-les-linies-de-lsfm-i-acusa-el-pp-de-desatendre-un-cop-mes-el-transport-public-a-mallorca\/\">\n\t<\/aside>\n\t\t<\/article>\n<\/div>\n<div class=\"small-12 large-4 columns\">\n\t<article itemscope itemtype=\"http:\/\/schema.org\/Article\" class=\"post blog-style7 alt post-30584 type-post status-publish format-standard has-post-thumbnail hentry category-federacio-de-mallorca category-federacio-de-mallorca-portada category-municipis category-portada tag-amanda-fernandez tag-ares-fernandez tag-elsa-herranz tag-jaume-j-oliver tag-jaume-oliver tag-llucmajor tag-psib-psoe tag-sarenal tag-sarenal-de-llucmajor\" role=\"article\">\n\t\t<figure class=\"post-gallery\"><img loading=\"lazy\" decoding=\"async\" width=\"600\" height=\"400\" src=\"https:\/\/www.psib-psoe.org\/mallorca\/wp-content\/uploads\/Ple-fems-291025-600x400.jpeg\" class=\"attachment-notio-general-x2 size-notio-general-x2 wp-post-image\" alt=\"\" srcset=\"https:\/\/www.psib-psoe.org\/mallorca\/wp-content\/uploads\/Ple-fems-291025-600x400.jpeg 600w, https:\/\/www.psib-psoe.org\/mallorca\/wp-content\/uploads\/Ple-fems-291025-300x200.jpeg 300w, https:\/\/www.psib-psoe.org\/mallorca\/wp-content\/uploads\/Ple-fems-291025-900x600.jpeg 900w, https:\/\/www.psib-psoe.org\/mallorca\/wp-content\/uploads\/Ple-fems-291025-20x13.jpeg 20w\" sizes=\"(max-width: 600px) 100vw, 600px\" \/><\/figure>\n\t\t<div class=\"blog-top\">\n\t\t\t<header class=\"post-title entry-header\">\n\t\t\t\t<aside class=\"post-meta cf\">\n\t\t30\/10\/2025 \/ <a href=\"https:\/\/www.psib-psoe.org\/mallorca\/category\/federacio-de-mallorca\/\" rel=\"category tag\">Federaci\u00f3 de Mallorca<\/a>, <a href=\"https:\/\/www.psib-psoe.org\/mallorca\/category\/federacio-de-mallorca-portada\/\" rel=\"category tag\">Federaci\u00f3 de Mallorca - Portada<\/a>, <a href=\"https:\/\/www.psib-psoe.org\/mallorca\/category\/municipis\/\" rel=\"category tag\">Municipis<\/a>, <a href=\"https:\/\/www.psib-psoe.org\/mallorca\/category\/portada\/\" rel=\"category tag\">Portada<\/a><\/aside>\n\t\t\t\t<h3 itemprop=\"headline\"><a href=\"https:\/\/www.psib-psoe.org\/mallorca\/lajuntament-de-llucmajor-ppvox-asi-admet-ara-que-hauria-estat-cobrant-de-mes-als-ciutadans-des-de-2019-per-la-taxa-de-recollida-municipal-de-fems\/\" title=\"L\u2019Ajuntament de Llucmajor (PPVox-ASI) admet ara que hauria estat cobrant de m\u00e9s als ciutadans des de 2019 per la taxa de recollida municipal de fems.\">L\u2019Ajuntament de Llucmajor (PPVox-ASI) admet ara que hauria estat cobrant de m\u00e9s als ciutadans des de 2019 per la taxa de recollida municipal de fems.<\/a><\/h3>\n\t\t\t<\/header>\n\t\t<\/div>\n\t\t<div class=\"post-content\">\n\t\t\t<a href=\"https:\/\/www.psib-psoe.org\/mallorca\/lajuntament-de-llucmajor-ppvox-asi-admet-ara-que-hauria-estat-cobrant-de-mes-als-ciutadans-des-de-2019-per-la-taxa-de-recollida-municipal-de-fems\/\" class=\"more-link\">Read More<\/a>\n\t\t<\/div>\n\t\t\t<aside class=\"post-bottom-meta hide\">\n\t\t<strong rel=\"author\" itemprop=\"author\" class=\"author vcard\"><span class=\"fn\">Albert<\/span><\/strong>\n\t\t<time class=\"date published time\" datetime=\"2025-10-30T12:08:51+02:00\" itemprop=\"datePublished\" content=\"2025-10-30T12:08:51+02:00\">30\/10\/2025<\/time>\n\t\t<meta itemprop=\"dateModified\" class=\"date updated\" content=\"2025-10-30T12:09:03+02:00\">\n\t\t<span class=\"hide\" itemprop=\"publisher\" itemscope itemtype=\"https:\/\/schema.org\/Organization\">\n\t\t\t<meta itemprop=\"name\" content=\"SocialistesdMca\">\n\t\t\t<span itemprop=\"logo\" itemscope itemtype=\"https:\/\/schema.org\/ImageObject\">\n\t\t\t\t<meta itemprop=\"url\" content=\"https:\/\/www.psib-psoe.org\/mallorca\/wp-content\/themes\/notio-wp\/assets\/img\/logo.png\">\n\t\t\t<\/span>\n\t\t\t<meta itemprop=\"url\" content=\"https:\/\/www.psib-psoe.org\/mallorca\/\">\n\t\t<\/span>\n\t\t\t\t<span class=\"hide\" itemprop=\"image\" itemscope itemtype=\"http:\/\/schema.org\/ImageObject\">\n\t\t\t<meta itemprop=\"url\" content=\"https:\/\/www.psib-psoe.org\/mallorca\/wp-content\/uploads\/Ple-fems-291025.jpeg\">\n\t\t\t<meta itemprop=\"width\" content=\"1024\">\n\t\t\t<meta itemprop=\"height\" content=\"768\">\n\t\t<\/span>\n\t\t\t\t<meta itemscope itemprop=\"mainEntityOfPage\" itemtype=\"https:\/\/schema.org\/WebPage\" itemid=\"https:\/\/www.psib-psoe.org\/mallorca\/lajuntament-de-llucmajor-ppvox-asi-admet-ara-que-hauria-estat-cobrant-de-mes-als-ciutadans-des-de-2019-per-la-taxa-de-recollida-municipal-de-fems\/\">\n\t<\/aside>\n\t\t<\/article>\n<\/div>\n<div class=\"small-12 large-4 columns\">\n\t<article itemscope itemtype=\"http:\/\/schema.org\/Article\" class=\"post blog-style7 alt post-30581 type-post status-publish format-standard has-post-thumbnail hentry category-federacio-de-mallorca category-federacio-de-mallorca-portada category-municipis category-portada tag-amanda-fernandez tag-andreu-serra tag-ares-fernandez tag-bea-gamundi tag-biel-alomar tag-catalina-cladera tag-consell-de-mallorca tag-federacio-socialista-de-mallorca tag-joan-ferrer tag-joan-mendez-2 tag-juana-m-adrover tag-psib-psoe tag-sofia-alonso\" role=\"article\">\n\t\t<figure class=\"post-gallery\"><img loading=\"lazy\" decoding=\"async\" width=\"600\" height=\"400\" src=\"https:\/\/www.psib-psoe.org\/mallorca\/wp-content\/uploads\/Grup-ple-Marcial-281025-600x400.jpeg\" class=\"attachment-notio-general-x2 size-notio-general-x2 wp-post-image\" alt=\"\" srcset=\"https:\/\/www.psib-psoe.org\/mallorca\/wp-content\/uploads\/Grup-ple-Marcial-281025-600x400.jpeg 600w, https:\/\/www.psib-psoe.org\/mallorca\/wp-content\/uploads\/Grup-ple-Marcial-281025-300x200.jpeg 300w, https:\/\/www.psib-psoe.org\/mallorca\/wp-content\/uploads\/Grup-ple-Marcial-281025-900x600.jpeg 900w, https:\/\/www.psib-psoe.org\/mallorca\/wp-content\/uploads\/Grup-ple-Marcial-281025-20x13.jpeg 20w\" sizes=\"(max-width: 600px) 100vw, 600px\" \/><\/figure>\n\t\t<div class=\"blog-top\">\n\t\t\t<header class=\"post-title entry-header\">\n\t\t\t\t<aside class=\"post-meta cf\">\n\t\t29\/10\/2025 \/ <a href=\"https:\/\/www.psib-psoe.org\/mallorca\/category\/federacio-de-mallorca\/\" rel=\"category tag\">Federaci\u00f3 de Mallorca<\/a>, <a href=\"https:\/\/www.psib-psoe.org\/mallorca\/category\/federacio-de-mallorca-portada\/\" rel=\"category tag\">Federaci\u00f3 de Mallorca - Portada<\/a>, <a href=\"https:\/\/www.psib-psoe.org\/mallorca\/category\/municipis\/\" rel=\"category tag\">Municipis<\/a>, <a href=\"https:\/\/www.psib-psoe.org\/mallorca\/category\/portada\/\" rel=\"category tag\">Portada<\/a><\/aside>\n\t\t\t\t<h3 itemprop=\"headline\"><a href=\"https:\/\/www.psib-psoe.org\/mallorca\/cladera-acusa-galmes-de-practicar-racisme-pur-i-dur-al-consell-de-mallorca-per-demanar-la-repatriacio-de-menors-migrants-tutelats-per-limas-i-exigeix-una-rectificacio-immedi\/\" title=\"Cladera acusa Galm\u00e9s de practicar \u201cracisme pur i dur\u201d al Consell de Mallorca per demanar la repatriaci\u00f3 de menors migrants tutelats per l\u2019IMAS i exigeix una rectificaci\u00f3 immediata.\">Cladera acusa Galm\u00e9s de practicar \u201cracisme pur i dur\u201d al Consell de Mallorca per demanar la repatriaci\u00f3 de menors migrants tutelats per l\u2019IMAS i exigeix una rectificaci\u00f3 immediata.<\/a><\/h3>\n\t\t\t<\/header>\n\t\t<\/div>\n\t\t<div class=\"post-content\">\n\t\t\t<a href=\"https:\/\/www.psib-psoe.org\/mallorca\/cladera-acusa-galmes-de-practicar-racisme-pur-i-dur-al-consell-de-mallorca-per-demanar-la-repatriacio-de-menors-migrants-tutelats-per-limas-i-exigeix-una-rectificacio-immedi\/\" class=\"more-link\">Read More<\/a>\n\t\t<\/div>\n\t\t\t<aside class=\"post-bottom-meta hide\">\n\t\t<strong rel=\"author\" itemprop=\"author\" class=\"author vcard\"><span class=\"fn\">Albert<\/span><\/strong>\n\t\t<time class=\"date published time\" datetime=\"2025-10-29T14:48:07+02:00\" itemprop=\"datePublished\" content=\"2025-10-29T14:48:07+02:00\">29\/10\/2025<\/time>\n\t\t<meta itemprop=\"dateModified\" class=\"date updated\" content=\"2025-10-29T14:48:20+02:00\">\n\t\t<span class=\"hide\" itemprop=\"publisher\" itemscope itemtype=\"https:\/\/schema.org\/Organization\">\n\t\t\t<meta itemprop=\"name\" content=\"SocialistesdMca\">\n\t\t\t<span itemprop=\"logo\" itemscope itemtype=\"https:\/\/schema.org\/ImageObject\">\n\t\t\t\t<meta itemprop=\"url\" content=\"https:\/\/www.psib-psoe.org\/mallorca\/wp-content\/themes\/notio-wp\/assets\/img\/logo.png\">\n\t\t\t<\/span>\n\t\t\t<meta itemprop=\"url\" content=\"https:\/\/www.psib-psoe.org\/mallorca\/\">\n\t\t<\/span>\n\t\t\t\t<span class=\"hide\" itemprop=\"image\" itemscope itemtype=\"http:\/\/schema.org\/ImageObject\">\n\t\t\t<meta itemprop=\"url\" content=\"https:\/\/www.psib-psoe.org\/mallorca\/wp-content\/uploads\/Grup-ple-Marcial-281025.jpeg\">\n\t\t\t<meta itemprop=\"width\" content=\"1024\">\n\t\t\t<meta itemprop=\"height\" content=\"768\">\n\t\t<\/span>\n\t\t\t\t<meta itemscope itemprop=\"mainEntityOfPage\" itemtype=\"https:\/\/schema.org\/WebPage\" itemid=\"https:\/\/www.psib-psoe.org\/mallorca\/cladera-acusa-galmes-de-practicar-racisme-pur-i-dur-al-consell-de-mallorca-per-demanar-la-repatriacio-de-menors-migrants-tutelats-per-limas-i-exigeix-una-rectificacio-immedi\/\">\n\t<\/aside>\n\t\t<\/article>\n<\/div>\n<div class=\"small-12 large-4 columns\">\n\t<article itemscope itemtype=\"http:\/\/schema.org\/Article\" class=\"post blog-style7 alt post-30572 type-post status-publish format-standard has-post-thumbnail hentry category-federacio-de-mallorca category-federacio-de-mallorca-portada category-municipis category-portada tag-amanda-fernandez tag-andreu-serra tag-ares-fernandez tag-catalina-cladera tag-consell-de-mallorca tag-jaume-mateu tag-joan-mendez-2 tag-psib-psoe tag-sofia-alonso tag-xisco-dalmau\" role=\"article\">\n\t\t<figure class=\"post-gallery\"><img loading=\"lazy\" decoding=\"async\" width=\"600\" height=\"400\" src=\"https:\/\/www.psib-psoe.org\/mallorca\/wp-content\/uploads\/Soller-1-600x400.jpeg\" class=\"attachment-notio-general-x2 size-notio-general-x2 wp-post-image\" alt=\"\" srcset=\"https:\/\/www.psib-psoe.org\/mallorca\/wp-content\/uploads\/Soller-1-600x400.jpeg 600w, https:\/\/www.psib-psoe.org\/mallorca\/wp-content\/uploads\/Soller-1-300x200.jpeg 300w, https:\/\/www.psib-psoe.org\/mallorca\/wp-content\/uploads\/Soller-1-900x600.jpeg 900w, https:\/\/www.psib-psoe.org\/mallorca\/wp-content\/uploads\/Soller-1-20x13.jpeg 20w\" sizes=\"(max-width: 600px) 100vw, 600px\" \/><\/figure>\n\t\t<div class=\"blog-top\">\n\t\t\t<header class=\"post-title entry-header\">\n\t\t\t\t<aside class=\"post-meta cf\">\n\t\t28\/10\/2025 \/ <a href=\"https:\/\/www.psib-psoe.org\/mallorca\/category\/federacio-de-mallorca\/\" rel=\"category tag\">Federaci\u00f3 de Mallorca<\/a>, <a href=\"https:\/\/www.psib-psoe.org\/mallorca\/category\/federacio-de-mallorca-portada\/\" rel=\"category tag\">Federaci\u00f3 de Mallorca - Portada<\/a>, <a href=\"https:\/\/www.psib-psoe.org\/mallorca\/category\/municipis\/\" rel=\"category tag\">Municipis<\/a>, <a href=\"https:\/\/www.psib-psoe.org\/mallorca\/category\/portada\/\" rel=\"category tag\">Portada<\/a><\/aside>\n\t\t\t\t<h3 itemprop=\"headline\"><a href=\"https:\/\/www.psib-psoe.org\/mallorca\/els-socialistes-de-mallorca-reclamen-a-soller-la-proteccio-de-la-serra-de-tramuntana-davant-lamenaca-de-les-politiques-especulatives-del-pp\/\" title=\"Els Socialistes de Mallorca reclamen a S\u00f3ller la protecci\u00f3 de la Serra de Tramuntana davant l\u2019amena\u00e7a de les pol\u00edtiques especulatives del PP.\">Els Socialistes de Mallorca reclamen a S\u00f3ller la protecci\u00f3 de la Serra de Tramuntana davant l\u2019amena\u00e7a de les pol\u00edtiques especulatives del PP.<\/a><\/h3>\n\t\t\t<\/header>\n\t\t<\/div>\n\t\t<div class=\"post-content\">\n\t\t\t<a href=\"https:\/\/www.psib-psoe.org\/mallorca\/els-socialistes-de-mallorca-reclamen-a-soller-la-proteccio-de-la-serra-de-tramuntana-davant-lamenaca-de-les-politiques-especulatives-del-pp\/\" class=\"more-link\">Read More<\/a>\n\t\t<\/div>\n\t\t\t<aside class=\"post-bottom-meta hide\">\n\t\t<strong rel=\"author\" itemprop=\"author\" class=\"author vcard\"><span class=\"fn\">Albert<\/span><\/strong>\n\t\t<time class=\"date published time\" datetime=\"2025-10-28T20:30:29+02:00\" itemprop=\"datePublished\" content=\"2025-10-28T20:30:29+02:00\">28\/10\/2025<\/time>\n\t\t<meta itemprop=\"dateModified\" class=\"date updated\" content=\"2025-10-28T20:30:40+02:00\">\n\t\t<span class=\"hide\" itemprop=\"publisher\" itemscope itemtype=\"https:\/\/schema.org\/Organization\">\n\t\t\t<meta itemprop=\"name\" content=\"SocialistesdMca\">\n\t\t\t<span itemprop=\"logo\" itemscope itemtype=\"https:\/\/schema.org\/ImageObject\">\n\t\t\t\t<meta itemprop=\"url\" content=\"https:\/\/www.psib-psoe.org\/mallorca\/wp-content\/themes\/notio-wp\/assets\/img\/logo.png\">\n\t\t\t<\/span>\n\t\t\t<meta itemprop=\"url\" content=\"https:\/\/www.psib-psoe.org\/mallorca\/\">\n\t\t<\/span>\n\t\t\t\t<span class=\"hide\" itemprop=\"image\" itemscope itemtype=\"http:\/\/schema.org\/ImageObject\">\n\t\t\t<meta itemprop=\"url\" content=\"https:\/\/www.psib-psoe.org\/mallorca\/wp-content\/uploads\/Soller-1-scaled.jpeg\">\n\t\t\t<meta itemprop=\"width\" content=\"2560\">\n\t\t\t<meta itemprop=\"height\" content=\"1920\">\n\t\t<\/span>\n\t\t\t\t<meta itemscope itemprop=\"mainEntityOfPage\" itemtype=\"https:\/\/schema.org\/WebPage\" itemid=\"https:\/\/www.psib-psoe.org\/mallorca\/els-socialistes-de-mallorca-reclamen-a-soller-la-proteccio-de-la-serra-de-tramuntana-davant-lamenaca-de-les-politiques-especulatives-del-pp\/\">\n\t<\/aside>\n\t\t<\/article>\n<\/div>\n<div class=\"small-12 large-4 columns\">\n\t<article itemscope itemtype=\"http:\/\/schema.org\/Article\" class=\"post blog-style7 alt post-30568 type-post status-publish format-standard has-post-thumbnail hentry category-federacio-de-mallorca category-federacio-de-mallorca-portada category-municipis category-portada tag-amanda-fernandez tag-andreu-serra tag-ares-fernandez tag-bea-gamundi tag-biel-alomar tag-catalina-cladera tag-consell-de-mallorca tag-federacio-socialista-de-mallorca tag-joan-ferrer tag-joan-mendez-2 tag-juana-m-adrover tag-psib-psoe tag-sofia-alonso\" role=\"article\">\n\t\t<figure class=\"post-gallery\"><img loading=\"lazy\" decoding=\"async\" width=\"600\" height=\"400\" src=\"https:\/\/www.psib-psoe.org\/mallorca\/wp-content\/uploads\/Grup-ple-Marcial-281025-600x400.jpeg\" class=\"attachment-notio-general-x2 size-notio-general-x2 wp-post-image\" alt=\"\" srcset=\"https:\/\/www.psib-psoe.org\/mallorca\/wp-content\/uploads\/Grup-ple-Marcial-281025-600x400.jpeg 600w, https:\/\/www.psib-psoe.org\/mallorca\/wp-content\/uploads\/Grup-ple-Marcial-281025-300x200.jpeg 300w, https:\/\/www.psib-psoe.org\/mallorca\/wp-content\/uploads\/Grup-ple-Marcial-281025-900x600.jpeg 900w, https:\/\/www.psib-psoe.org\/mallorca\/wp-content\/uploads\/Grup-ple-Marcial-281025-20x13.jpeg 20w\" sizes=\"(max-width: 600px) 100vw, 600px\" \/><\/figure>\n\t\t<div class=\"blog-top\">\n\t\t\t<header class=\"post-title entry-header\">\n\t\t\t\t<aside class=\"post-meta cf\">\n\t\t28\/10\/2025 \/ <a href=\"https:\/\/www.psib-psoe.org\/mallorca\/category\/federacio-de-mallorca\/\" rel=\"category tag\">Federaci\u00f3 de Mallorca<\/a>, <a href=\"https:\/\/www.psib-psoe.org\/mallorca\/category\/federacio-de-mallorca-portada\/\" rel=\"category tag\">Federaci\u00f3 de Mallorca - Portada<\/a>, <a href=\"https:\/\/www.psib-psoe.org\/mallorca\/category\/municipis\/\" rel=\"category tag\">Municipis<\/a>, <a href=\"https:\/\/www.psib-psoe.org\/mallorca\/category\/portada\/\" rel=\"category tag\">Portada<\/a><\/aside>\n\t\t\t\t<h3 itemprop=\"headline\"><a href=\"https:\/\/www.psib-psoe.org\/mallorca\/el-grup-socialista-exigeix-a-galmes-la-destitucio-del-conseller-de-turisme-despres-duna-compareixenca-que-confirma-una-gestio-incompetent-del-turisme-de-mallorca\/\" title=\"El Grup Socialista exigeix a Galm\u00e9s la destituci\u00f3 del conseller de Turisme despr\u00e9s d\u2019una compareixen\u00e7a que confirma \u201cuna gesti\u00f3 incompetent\u201d del Turisme de Mallorca.\">El Grup Socialista exigeix a Galm\u00e9s la destituci\u00f3 del conseller de Turisme despr\u00e9s d\u2019una compareixen\u00e7a que confirma \u201cuna gesti\u00f3 incompetent\u201d del Turisme de Mallorca.<\/a><\/h3>\n\t\t\t<\/header>\n\t\t<\/div>\n\t\t<div class=\"post-content\">\n\t\t\t<a href=\"https:\/\/www.psib-psoe.org\/mallorca\/el-grup-socialista-exigeix-a-galmes-la-destitucio-del-conseller-de-turisme-despres-duna-compareixenca-que-confirma-una-gestio-incompetent-del-turisme-de-mallorca\/\" class=\"more-link\">Read More<\/a>\n\t\t<\/div>\n\t\t\t<aside class=\"post-bottom-meta hide\">\n\t\t<strong rel=\"author\" itemprop=\"author\" class=\"author vcard\"><span class=\"fn\">Albert<\/span><\/strong>\n\t\t<time class=\"date published time\" datetime=\"2025-10-28T15:59:39+02:00\" itemprop=\"datePublished\" content=\"2025-10-28T15:59:39+02:00\">28\/10\/2025<\/time>\n\t\t<meta itemprop=\"dateModified\" class=\"date updated\" content=\"2025-10-28T15:59:51+02:00\">\n\t\t<span class=\"hide\" itemprop=\"publisher\" itemscope itemtype=\"https:\/\/schema.org\/Organization\">\n\t\t\t<meta itemprop=\"name\" content=\"SocialistesdMca\">\n\t\t\t<span itemprop=\"logo\" itemscope itemtype=\"https:\/\/schema.org\/ImageObject\">\n\t\t\t\t<meta itemprop=\"url\" content=\"https:\/\/www.psib-psoe.org\/mallorca\/wp-content\/themes\/notio-wp\/assets\/img\/logo.png\">\n\t\t\t<\/span>\n\t\t\t<meta itemprop=\"url\" content=\"https:\/\/www.psib-psoe.org\/mallorca\/\">\n\t\t<\/span>\n\t\t\t\t<span class=\"hide\" itemprop=\"image\" itemscope itemtype=\"http:\/\/schema.org\/ImageObject\">\n\t\t\t<meta itemprop=\"url\" content=\"https:\/\/www.psib-psoe.org\/mallorca\/wp-content\/uploads\/Grup-ple-Marcial-281025.jpeg\">\n\t\t\t<meta itemprop=\"width\" content=\"1024\">\n\t\t\t<meta itemprop=\"height\" content=\"768\">\n\t\t<\/span>\n\t\t\t\t<meta itemscope itemprop=\"mainEntityOfPage\" itemtype=\"https:\/\/schema.org\/WebPage\" itemid=\"https:\/\/www.psib-psoe.org\/mallorca\/el-grup-socialista-exigeix-a-galmes-la-destitucio-del-conseller-de-turisme-despres-duna-compareixenca-que-confirma-una-gestio-incompetent-del-turisme-de-mallorca\/\">\n\t<\/aside>\n\t\t<\/article>\n<\/div>\n<div class=\"small-12 large-4 columns\">\n\t<article itemscope itemtype=\"http:\/\/schema.org\/Article\" class=\"post blog-style7 alt post-30566 type-post status-publish format-standard has-post-thumbnail hentry category-federacio-de-mallorca category-federacio-de-mallorca-portada category-municipis category-portada tag-agrupacio-socialista-de-valldemossa tag-amanda-fernandez tag-ares-fernandez tag-catalina-cladera tag-jaume-x-rossello tag-javier-de-juan tag-psib-psoe tag-teresa-suarez tag-tolo-aguilar tag-xisco-dalmau\" role=\"article\">\n\t\t<figure class=\"post-gallery\"><img loading=\"lazy\" decoding=\"async\" width=\"600\" height=\"400\" src=\"https:\/\/www.psib-psoe.org\/mallorca\/wp-content\/uploads\/FX-Rossello-600x400.jpeg\" class=\"attachment-notio-general-x2 size-notio-general-x2 wp-post-image\" alt=\"\" srcset=\"https:\/\/www.psib-psoe.org\/mallorca\/wp-content\/uploads\/FX-Rossello-600x400.jpeg 600w, https:\/\/www.psib-psoe.org\/mallorca\/wp-content\/uploads\/FX-Rossello-300x200.jpeg 300w, https:\/\/www.psib-psoe.org\/mallorca\/wp-content\/uploads\/FX-Rossello-900x600.jpeg 900w, https:\/\/www.psib-psoe.org\/mallorca\/wp-content\/uploads\/FX-Rossello-20x13.jpeg 20w\" sizes=\"(max-width: 600px) 100vw, 600px\" \/><\/figure>\n\t\t<div class=\"blog-top\">\n\t\t\t<header class=\"post-title entry-header\">\n\t\t\t\t<aside class=\"post-meta cf\">\n\t\t27\/10\/2025 \/ <a href=\"https:\/\/www.psib-psoe.org\/mallorca\/category\/federacio-de-mallorca\/\" rel=\"category tag\">Federaci\u00f3 de Mallorca<\/a>, <a href=\"https:\/\/www.psib-psoe.org\/mallorca\/category\/federacio-de-mallorca-portada\/\" rel=\"category tag\">Federaci\u00f3 de Mallorca - Portada<\/a>, <a href=\"https:\/\/www.psib-psoe.org\/mallorca\/category\/municipis\/\" rel=\"category tag\">Municipis<\/a>, <a href=\"https:\/\/www.psib-psoe.org\/mallorca\/category\/portada\/\" rel=\"category tag\">Portada<\/a><\/aside>\n\t\t\t\t<h3 itemprop=\"headline\"><a href=\"https:\/\/www.psib-psoe.org\/mallorca\/els-socialistes-de-valldemossa-denuncien-la-passivitat-de-lequip-de-govern-de-lajuntament-per-deixar-se-perdre-subvencions-per-al-jovent\/\" title=\"Els Socialistes de Valldemossa denuncien la passivitat de l\u2019equip de govern de l\u2019Ajuntament per deixar-se perdre subvencions per al jovent.\">Els Socialistes de Valldemossa denuncien la passivitat de l\u2019equip de govern de l\u2019Ajuntament per deixar-se perdre subvencions per al jovent.<\/a><\/h3>\n\t\t\t<\/header>\n\t\t<\/div>\n\t\t<div class=\"post-content\">\n\t\t\t<a href=\"https:\/\/www.psib-psoe.org\/mallorca\/els-socialistes-de-valldemossa-denuncien-la-passivitat-de-lequip-de-govern-de-lajuntament-per-deixar-se-perdre-subvencions-per-al-jovent\/\" class=\"more-link\">Read More<\/a>\n\t\t<\/div>\n\t\t\t<aside class=\"post-bottom-meta hide\">\n\t\t<strong rel=\"author\" itemprop=\"author\" class=\"author vcard\"><span class=\"fn\">Albert<\/span><\/strong>\n\t\t<time class=\"date published time\" datetime=\"2025-10-27T14:55:35+02:00\" itemprop=\"datePublished\" content=\"2025-10-27T14:55:35+02:00\">27\/10\/2025<\/time>\n\t\t<meta itemprop=\"dateModified\" class=\"date updated\" content=\"2025-10-27T14:55:46+02:00\">\n\t\t<span class=\"hide\" itemprop=\"publisher\" itemscope itemtype=\"https:\/\/schema.org\/Organization\">\n\t\t\t<meta itemprop=\"name\" content=\"SocialistesdMca\">\n\t\t\t<span itemprop=\"logo\" itemscope itemtype=\"https:\/\/schema.org\/ImageObject\">\n\t\t\t\t<meta itemprop=\"url\" content=\"https:\/\/www.psib-psoe.org\/mallorca\/wp-content\/themes\/notio-wp\/assets\/img\/logo.png\">\n\t\t\t<\/span>\n\t\t\t<meta itemprop=\"url\" content=\"https:\/\/www.psib-psoe.org\/mallorca\/\">\n\t\t<\/span>\n\t\t\t\t<span class=\"hide\" itemprop=\"image\" itemscope itemtype=\"http:\/\/schema.org\/ImageObject\">\n\t\t\t<meta itemprop=\"url\" content=\"https:\/\/www.psib-psoe.org\/mallorca\/wp-content\/uploads\/FX-Rossello.jpeg\">\n\t\t\t<meta itemprop=\"width\" content=\"1200\">\n\t\t\t<meta itemprop=\"height\" content=\"1600\">\n\t\t<\/span>\n\t\t\t\t<meta itemscope itemprop=\"mainEntityOfPage\" itemtype=\"https:\/\/schema.org\/WebPage\" itemid=\"https:\/\/www.psib-psoe.org\/mallorca\/els-socialistes-de-valldemossa-denuncien-la-passivitat-de-lequip-de-govern-de-lajuntament-per-deixar-se-perdre-subvencions-per-al-jovent\/\">\n\t<\/aside>\n\t\t<\/article>\n<\/div>\n<div class=\"small-12 large-4 columns\">\n\t<article itemscope itemtype=\"http:\/\/schema.org\/Article\" class=\"post blog-style7 alt post-30562 type-post status-publish format-standard has-post-thumbnail hentry category-federacio-de-mallorca category-federacio-de-mallorca-portada category-municipis category-portada tag-amanda-fernandez tag-ares-fernandez tag-bea-gamundi tag-catalina-cladera tag-consell-de-mallorca tag-federacio-socialista-de-mallorca tag-jaume-mateu tag-joan-mendez-2 tag-sofia-alonso\" role=\"article\">\n\t\t<figure class=\"post-gallery\"><img loading=\"lazy\" decoding=\"async\" width=\"600\" height=\"400\" src=\"https:\/\/www.psib-psoe.org\/mallorca\/wp-content\/uploads\/Grup-Mendez-091025-1-1-edited-600x400.jpeg\" class=\"attachment-notio-general-x2 size-notio-general-x2 wp-post-image\" alt=\"\" srcset=\"https:\/\/www.psib-psoe.org\/mallorca\/wp-content\/uploads\/Grup-Mendez-091025-1-1-edited-600x400.jpeg 600w, https:\/\/www.psib-psoe.org\/mallorca\/wp-content\/uploads\/Grup-Mendez-091025-1-1-edited-300x200.jpeg 300w, https:\/\/www.psib-psoe.org\/mallorca\/wp-content\/uploads\/Grup-Mendez-091025-1-1-edited-900x600.jpeg 900w, https:\/\/www.psib-psoe.org\/mallorca\/wp-content\/uploads\/Grup-Mendez-091025-1-1-edited-20x13.jpeg 20w\" sizes=\"(max-width: 600px) 100vw, 600px\" \/><\/figure>\n\t\t<div class=\"blog-top\">\n\t\t\t<header class=\"post-title entry-header\">\n\t\t\t\t<aside class=\"post-meta cf\">\n\t\t27\/10\/2025 \/ <a href=\"https:\/\/www.psib-psoe.org\/mallorca\/category\/federacio-de-mallorca\/\" rel=\"category tag\">Federaci\u00f3 de Mallorca<\/a>, <a href=\"https:\/\/www.psib-psoe.org\/mallorca\/category\/federacio-de-mallorca-portada\/\" rel=\"category tag\">Federaci\u00f3 de Mallorca - Portada<\/a>, <a href=\"https:\/\/www.psib-psoe.org\/mallorca\/category\/municipis\/\" rel=\"category tag\">Municipis<\/a>, <a href=\"https:\/\/www.psib-psoe.org\/mallorca\/category\/portada\/\" rel=\"category tag\">Portada<\/a><\/aside>\n\t\t\t\t<h3 itemprop=\"headline\"><a href=\"https:\/\/www.psib-psoe.org\/mallorca\/les-cameres-a-les-carreteres-de-la-serra-de-tramuntana-dos-anys-de-promeses-incomplertes-de-rubio-i-galmes\/\" title=\"Les c\u00e0meres a les carreteres de la Serra de Tramuntana: dos anys de promeses incomplertes de Rubio i Galm\u00e9s .\">Les c\u00e0meres a les carreteres de la Serra de Tramuntana: dos anys de promeses incomplertes de Rubio i Galm\u00e9s .<\/a><\/h3>\n\t\t\t<\/header>\n\t\t<\/div>\n\t\t<div class=\"post-content\">\n\t\t\t<a href=\"https:\/\/www.psib-psoe.org\/mallorca\/les-cameres-a-les-carreteres-de-la-serra-de-tramuntana-dos-anys-de-promeses-incomplertes-de-rubio-i-galmes\/\" class=\"more-link\">Read More<\/a>\n\t\t<\/div>\n\t\t\t<aside class=\"post-bottom-meta hide\">\n\t\t<strong rel=\"author\" itemprop=\"author\" class=\"author vcard\"><span class=\"fn\">Albert<\/span><\/strong>\n\t\t<time class=\"date published time\" datetime=\"2025-10-27T13:43:41+02:00\" itemprop=\"datePublished\" content=\"2025-10-27T13:43:41+02:00\">27\/10\/2025<\/time>\n\t\t<meta itemprop=\"dateModified\" class=\"date updated\" content=\"2025-10-27T13:43:51+02:00\">\n\t\t<span class=\"hide\" itemprop=\"publisher\" itemscope itemtype=\"https:\/\/schema.org\/Organization\">\n\t\t\t<meta itemprop=\"name\" content=\"SocialistesdMca\">\n\t\t\t<span itemprop=\"logo\" itemscope itemtype=\"https:\/\/schema.org\/ImageObject\">\n\t\t\t\t<meta itemprop=\"url\" content=\"https:\/\/www.psib-psoe.org\/mallorca\/wp-content\/themes\/notio-wp\/assets\/img\/logo.png\">\n\t\t\t<\/span>\n\t\t\t<meta itemprop=\"url\" content=\"https:\/\/www.psib-psoe.org\/mallorca\/\">\n\t\t<\/span>\n\t\t\t\t<span class=\"hide\" itemprop=\"image\" itemscope itemtype=\"http:\/\/schema.org\/ImageObject\">\n\t\t\t<meta itemprop=\"url\" content=\"https:\/\/www.psib-psoe.org\/mallorca\/wp-content\/uploads\/Grup-Mendez-091025-1-1-edited.jpeg\">\n\t\t\t<meta itemprop=\"width\" content=\"1200\">\n\t\t\t<meta itemprop=\"height\" content=\"675\">\n\t\t<\/span>\n\t\t\t\t<meta itemscope itemprop=\"mainEntityOfPage\" itemtype=\"https:\/\/schema.org\/WebPage\" itemid=\"https:\/\/www.psib-psoe.org\/mallorca\/les-cameres-a-les-carreteres-de-la-serra-de-tramuntana-dos-anys-de-promeses-incomplertes-de-rubio-i-galmes\/\">\n\t<\/aside>\n\t\t<\/article>\n<\/div>\n<div class=\"small-12 large-4 columns\">\n\t<article itemscope itemtype=\"http:\/\/schema.org\/Article\" class=\"post blog-style7 alt post-30556 type-post status-publish format-standard has-post-thumbnail hentry category-federacio-de-mallorca category-federacio-de-mallorca-portada category-municipis category-portada tag-amanda-fernandez tag-ares-fernandez tag-elsa-herranz tag-jaume-j-oliver tag-jaume-oliver tag-llucmajor tag-psib-psoe tag-sarenal tag-sarenal-de-llucmajor\" role=\"article\">\n\t\t<figure class=\"post-gallery\"><img loading=\"lazy\" decoding=\"async\" width=\"600\" height=\"400\" src=\"https:\/\/www.psib-psoe.org\/mallorca\/wp-content\/uploads\/image-edited-600x400.jpeg\" class=\"attachment-notio-general-x2 size-notio-general-x2 wp-post-image\" alt=\"Aquesta imatge t\u00e9 l&#039;atribut alt buit; el seu nom \u00e9s ple-Llucmajor-030725-edited.jpeg\" srcset=\"https:\/\/www.psib-psoe.org\/mallorca\/wp-content\/uploads\/image-edited-600x400.jpeg 600w, https:\/\/www.psib-psoe.org\/mallorca\/wp-content\/uploads\/image-edited-300x200.jpeg 300w, https:\/\/www.psib-psoe.org\/mallorca\/wp-content\/uploads\/image-edited-900x600.jpeg 900w, https:\/\/www.psib-psoe.org\/mallorca\/wp-content\/uploads\/image-edited-20x13.jpeg 20w\" sizes=\"(max-width: 600px) 100vw, 600px\" \/><\/figure>\n\t\t<div class=\"blog-top\">\n\t\t\t<header class=\"post-title entry-header\">\n\t\t\t\t<aside class=\"post-meta cf\">\n\t\t27\/10\/2025 \/ <a href=\"https:\/\/www.psib-psoe.org\/mallorca\/category\/federacio-de-mallorca\/\" rel=\"category tag\">Federaci\u00f3 de Mallorca<\/a>, <a href=\"https:\/\/www.psib-psoe.org\/mallorca\/category\/federacio-de-mallorca-portada\/\" rel=\"category tag\">Federaci\u00f3 de Mallorca - Portada<\/a>, <a href=\"https:\/\/www.psib-psoe.org\/mallorca\/category\/municipis\/\" rel=\"category tag\">Municipis<\/a>, <a href=\"https:\/\/www.psib-psoe.org\/mallorca\/category\/portada\/\" rel=\"category tag\">Portada<\/a><\/aside>\n\t\t\t\t<h3 itemprop=\"headline\"><a href=\"https:\/\/www.psib-psoe.org\/mallorca\/el-psib-psoe-de-llucmajor-denuncia-que-lajuntament-cobra-de-mes-als-ciutadans-per-la-taxa-de-fems-des-de-fa-sis-anys-mentre-que-el-servei-de-recollida-es-cada-dia-pitjor\/\" title=\"El PSIB-PSOE de Llucmajor denuncia que l\u2019Ajuntament cobra de m\u00e9s als ciutadans per la taxa de fems des de fa sis anys, mentre que el servei de recollida es cada dia pitjor.\">El PSIB-PSOE de Llucmajor denuncia que l\u2019Ajuntament cobra de m\u00e9s als ciutadans per la taxa de fems des de fa sis anys, mentre que el servei de recollida es cada dia pitjor.<\/a><\/h3>\n\t\t\t<\/header>\n\t\t<\/div>\n\t\t<div class=\"post-content\">\n\t\t\t<a href=\"https:\/\/www.psib-psoe.org\/mallorca\/el-psib-psoe-de-llucmajor-denuncia-que-lajuntament-cobra-de-mes-als-ciutadans-per-la-taxa-de-fems-des-de-fa-sis-anys-mentre-que-el-servei-de-recollida-es-cada-dia-pitjor\/\" class=\"more-link\">Read More<\/a>\n\t\t<\/div>\n\t\t\t<aside class=\"post-bottom-meta hide\">\n\t\t<strong rel=\"author\" itemprop=\"author\" class=\"author vcard\"><span class=\"fn\">Albert<\/span><\/strong>\n\t\t<time class=\"date published time\" datetime=\"2025-10-27T12:45:53+02:00\" itemprop=\"datePublished\" content=\"2025-10-27T12:45:53+02:00\">27\/10\/2025<\/time>\n\t\t<meta itemprop=\"dateModified\" class=\"date updated\" content=\"2025-10-27T12:46:05+02:00\">\n\t\t<span class=\"hide\" itemprop=\"publisher\" itemscope itemtype=\"https:\/\/schema.org\/Organization\">\n\t\t\t<meta itemprop=\"name\" content=\"SocialistesdMca\">\n\t\t\t<span itemprop=\"logo\" itemscope itemtype=\"https:\/\/schema.org\/ImageObject\">\n\t\t\t\t<meta itemprop=\"url\" content=\"https:\/\/www.psib-psoe.org\/mallorca\/wp-content\/themes\/notio-wp\/assets\/img\/logo.png\">\n\t\t\t<\/span>\n\t\t\t<meta itemprop=\"url\" content=\"https:\/\/www.psib-psoe.org\/mallorca\/\">\n\t\t<\/span>\n\t\t\t\t<span class=\"hide\" itemprop=\"image\" itemscope itemtype=\"http:\/\/schema.org\/ImageObject\">\n\t\t\t<meta itemprop=\"url\" content=\"https:\/\/www.psib-psoe.org\/mallorca\/wp-content\/uploads\/image-edited.jpeg\">\n\t\t\t<meta itemprop=\"width\" content=\"1200\">\n\t\t\t<meta itemprop=\"height\" content=\"675\">\n\t\t<\/span>\n\t\t\t\t<meta itemscope itemprop=\"mainEntityOfPage\" itemtype=\"https:\/\/schema.org\/WebPage\" itemid=\"https:\/\/www.psib-psoe.org\/mallorca\/el-psib-psoe-de-llucmajor-denuncia-que-lajuntament-cobra-de-mes-als-ciutadans-per-la-taxa-de-fems-des-de-fa-sis-anys-mentre-que-el-servei-de-recollida-es-cada-dia-pitjor\/\">\n\t<\/aside>\n\t\t<\/article>\n<\/div>\n<div class=\"small-12 large-4 columns\">\n\t<article itemscope itemtype=\"http:\/\/schema.org\/Article\" class=\"post blog-style7 alt post-30551 type-post status-publish format-standard has-post-thumbnail hentry category-federacio-de-mallorca category-federacio-de-mallorca-portada category-municipis category-portada tag-agrupacio-socialista-de-lloseta tag-amanda-fernandez tag-ares-fernandez tag-bea-gamundi tag-consell-de-mallorca tag-daniel-oliveira tag-federacio-socialista-de-mallorca tag-miquel-cabot tag-mireia-gonzalez tag-paquita-campins\" role=\"article\">\n\t\t<figure class=\"post-gallery\"><img loading=\"lazy\" decoding=\"async\" width=\"600\" height=\"400\" src=\"https:\/\/www.psib-psoe.org\/mallorca\/wp-content\/uploads\/Assemblea-Regidors-Lloseta-600x400.jpeg\" class=\"attachment-notio-general-x2 size-notio-general-x2 wp-post-image\" alt=\"\" srcset=\"https:\/\/www.psib-psoe.org\/mallorca\/wp-content\/uploads\/Assemblea-Regidors-Lloseta-600x400.jpeg 600w, https:\/\/www.psib-psoe.org\/mallorca\/wp-content\/uploads\/Assemblea-Regidors-Lloseta-300x200.jpeg 300w, https:\/\/www.psib-psoe.org\/mallorca\/wp-content\/uploads\/Assemblea-Regidors-Lloseta-1024x682.jpeg 1024w, https:\/\/www.psib-psoe.org\/mallorca\/wp-content\/uploads\/Assemblea-Regidors-Lloseta-768x512.jpeg 768w, https:\/\/www.psib-psoe.org\/mallorca\/wp-content\/uploads\/Assemblea-Regidors-Lloseta-1536x1024.jpeg 1536w, https:\/\/www.psib-psoe.org\/mallorca\/wp-content\/uploads\/Assemblea-Regidors-Lloseta-2048x1365.jpeg 2048w, https:\/\/www.psib-psoe.org\/mallorca\/wp-content\/uploads\/Assemblea-Regidors-Lloseta-150x100.jpeg 150w, https:\/\/www.psib-psoe.org\/mallorca\/wp-content\/uploads\/Assemblea-Regidors-Lloseta-900x600.jpeg 900w, https:\/\/www.psib-psoe.org\/mallorca\/wp-content\/uploads\/Assemblea-Regidors-Lloseta-20x13.jpeg 20w\" sizes=\"(max-width: 600px) 100vw, 600px\" \/><\/figure>\n\t\t<div class=\"blog-top\">\n\t\t\t<header class=\"post-title entry-header\">\n\t\t\t\t<aside class=\"post-meta cf\">\n\t\t25\/10\/2025 \/ <a href=\"https:\/\/www.psib-psoe.org\/mallorca\/category\/federacio-de-mallorca\/\" rel=\"category tag\">Federaci\u00f3 de Mallorca<\/a>, <a href=\"https:\/\/www.psib-psoe.org\/mallorca\/category\/federacio-de-mallorca-portada\/\" rel=\"category tag\">Federaci\u00f3 de Mallorca - Portada<\/a>, <a href=\"https:\/\/www.psib-psoe.org\/mallorca\/category\/municipis\/\" rel=\"category tag\">Municipis<\/a>, <a href=\"https:\/\/www.psib-psoe.org\/mallorca\/category\/portada\/\" rel=\"category tag\">Portada<\/a><\/aside>\n\t\t\t\t<h3 itemprop=\"headline\"><a href=\"https:\/\/www.psib-psoe.org\/mallorca\/els-regidors-i-regidores-socialistes-de-mallorca-exigeixen-al-govern-mesures-urgents-per-combatre-la-crisi-de-lhabitatge\/\" title=\"Els Regidors i Regidores Socialistes de Mallorca exigeixen al Govern mesures urgents per combatre la crisi de l\u2019habitatge.\">Els Regidors i Regidores Socialistes de Mallorca exigeixen al Govern mesures urgents per combatre la crisi de l\u2019habitatge.<\/a><\/h3>\n\t\t\t<\/header>\n\t\t<\/div>\n\t\t<div class=\"post-content\">\n\t\t\t<a href=\"https:\/\/www.psib-psoe.org\/mallorca\/els-regidors-i-regidores-socialistes-de-mallorca-exigeixen-al-govern-mesures-urgents-per-combatre-la-crisi-de-lhabitatge\/\" class=\"more-link\">Read More<\/a>\n\t\t<\/div>\n\t\t\t<aside class=\"post-bottom-meta hide\">\n\t\t<strong rel=\"author\" itemprop=\"author\" class=\"author vcard\"><span class=\"fn\">Albert<\/span><\/strong>\n\t\t<time class=\"date published time\" datetime=\"2025-10-25T12:56:48+02:00\" itemprop=\"datePublished\" content=\"2025-10-25T12:56:48+02:00\">25\/10\/2025<\/time>\n\t\t<meta itemprop=\"dateModified\" class=\"date updated\" content=\"2025-10-25T12:56:59+02:00\">\n\t\t<span class=\"hide\" itemprop=\"publisher\" itemscope itemtype=\"https:\/\/schema.org\/Organization\">\n\t\t\t<meta itemprop=\"name\" content=\"SocialistesdMca\">\n\t\t\t<span itemprop=\"logo\" itemscope itemtype=\"https:\/\/schema.org\/ImageObject\">\n\t\t\t\t<meta itemprop=\"url\" content=\"https:\/\/www.psib-psoe.org\/mallorca\/wp-content\/themes\/notio-wp\/assets\/img\/logo.png\">\n\t\t\t<\/span>\n\t\t\t<meta itemprop=\"url\" content=\"https:\/\/www.psib-psoe.org\/mallorca\/\">\n\t\t<\/span>\n\t\t\t\t<span class=\"hide\" itemprop=\"image\" itemscope itemtype=\"http:\/\/schema.org\/ImageObject\">\n\t\t\t<meta itemprop=\"url\" content=\"https:\/\/www.psib-psoe.org\/mallorca\/wp-content\/uploads\/Assemblea-Regidors-Lloseta.jpeg\">\n\t\t\t<meta itemprop=\"width\" content=\"2560\">\n\t\t\t<meta itemprop=\"height\" content=\"1706\">\n\t\t<\/span>\n\t\t\t\t<meta itemscope itemprop=\"mainEntityOfPage\" itemtype=\"https:\/\/schema.org\/WebPage\" itemid=\"https:\/\/www.psib-psoe.org\/mallorca\/els-regidors-i-regidores-socialistes-de-mallorca-exigeixen-al-govern-mesures-urgents-per-combatre-la-crisi-de-lhabitatge\/\">\n\t<\/aside>\n\t\t<\/article>\n<\/div>\n<div class=\"small-12 large-4 columns\">\n\t<article itemscope itemtype=\"http:\/\/schema.org\/Article\" class=\"post blog-style7 alt post-30545 type-post status-publish format-standard has-post-thumbnail hentry category-federacio-de-mallorca category-federacio-de-mallorca-portada category-municipis category-portada tag-amanda-fernandez tag-ares-fernandez tag-elsa-herranz tag-jaume-j-oliver tag-jaume-oliver tag-llucmajor tag-psib-psoe tag-sarenal tag-sarenal-de-llucmajor\" role=\"article\">\n\t\t<figure class=\"post-gallery\"><img loading=\"lazy\" decoding=\"async\" width=\"600\" height=\"400\" src=\"https:\/\/www.psib-psoe.org\/mallorca\/wp-content\/uploads\/ple-Llucmajor-030725-3-1-600x400.jpeg\" class=\"attachment-notio-general-x2 size-notio-general-x2 wp-post-image\" alt=\"\" srcset=\"https:\/\/www.psib-psoe.org\/mallorca\/wp-content\/uploads\/ple-Llucmajor-030725-3-1-600x400.jpeg 600w, https:\/\/www.psib-psoe.org\/mallorca\/wp-content\/uploads\/ple-Llucmajor-030725-3-1-300x200.jpeg 300w, https:\/\/www.psib-psoe.org\/mallorca\/wp-content\/uploads\/ple-Llucmajor-030725-3-1-900x600.jpeg 900w, https:\/\/www.psib-psoe.org\/mallorca\/wp-content\/uploads\/ple-Llucmajor-030725-3-1-20x13.jpeg 20w\" sizes=\"(max-width: 600px) 100vw, 600px\" \/><\/figure>\n\t\t<div class=\"blog-top\">\n\t\t\t<header class=\"post-title entry-header\">\n\t\t\t\t<aside class=\"post-meta cf\">\n\t\t24\/10\/2025 \/ <a href=\"https:\/\/www.psib-psoe.org\/mallorca\/category\/federacio-de-mallorca\/\" rel=\"category tag\">Federaci\u00f3 de Mallorca<\/a>, <a href=\"https:\/\/www.psib-psoe.org\/mallorca\/category\/federacio-de-mallorca-portada\/\" rel=\"category tag\">Federaci\u00f3 de Mallorca - Portada<\/a>, <a href=\"https:\/\/www.psib-psoe.org\/mallorca\/category\/municipis\/\" rel=\"category tag\">Municipis<\/a>, <a href=\"https:\/\/www.psib-psoe.org\/mallorca\/category\/portada\/\" rel=\"category tag\">Portada<\/a><\/aside>\n\t\t\t\t<h3 itemprop=\"headline\"><a href=\"https:\/\/www.psib-psoe.org\/mallorca\/els-socialistes-de-llucmajor-proposen-la-creacio-del-consell-municipal-de-fires-per-revitalitzar-i-protegir-les-fires-del-municipi\/\" title=\"Els Socialistes de Llucmajor proposen la creaci\u00f3 del Consell Municipal de Fires per revitalitzar i protegir les Fires del municipi.\">Els Socialistes de Llucmajor proposen la creaci\u00f3 del Consell Municipal de Fires per revitalitzar i protegir les Fires del municipi.<\/a><\/h3>\n\t\t\t<\/header>\n\t\t<\/div>\n\t\t<div class=\"post-content\">\n\t\t\t<a href=\"https:\/\/www.psib-psoe.org\/mallorca\/els-socialistes-de-llucmajor-proposen-la-creacio-del-consell-municipal-de-fires-per-revitalitzar-i-protegir-les-fires-del-municipi\/\" class=\"more-link\">Read More<\/a>\n\t\t<\/div>\n\t\t\t<aside class=\"post-bottom-meta hide\">\n\t\t<strong rel=\"author\" itemprop=\"author\" class=\"author vcard\"><span class=\"fn\">Albert<\/span><\/strong>\n\t\t<time class=\"date published time\" datetime=\"2025-10-24T13:44:34+02:00\" itemprop=\"datePublished\" content=\"2025-10-24T13:44:34+02:00\">24\/10\/2025<\/time>\n\t\t<meta itemprop=\"dateModified\" class=\"date updated\" content=\"2025-10-24T13:44:46+02:00\">\n\t\t<span class=\"hide\" itemprop=\"publisher\" itemscope itemtype=\"https:\/\/schema.org\/Organization\">\n\t\t\t<meta itemprop=\"name\" content=\"SocialistesdMca\">\n\t\t\t<span itemprop=\"logo\" itemscope itemtype=\"https:\/\/schema.org\/ImageObject\">\n\t\t\t\t<meta itemprop=\"url\" content=\"https:\/\/www.psib-psoe.org\/mallorca\/wp-content\/themes\/notio-wp\/assets\/img\/logo.png\">\n\t\t\t<\/span>\n\t\t\t<meta itemprop=\"url\" content=\"https:\/\/www.psib-psoe.org\/mallorca\/\">\n\t\t<\/span>\n\t\t\t\t<span class=\"hide\" itemprop=\"image\" itemscope itemtype=\"http:\/\/schema.org\/ImageObject\">\n\t\t\t<meta itemprop=\"url\" content=\"https:\/\/www.psib-psoe.org\/mallorca\/wp-content\/uploads\/ple-Llucmajor-030725-3-1.jpeg\">\n\t\t\t<meta itemprop=\"width\" content=\"2048\">\n\t\t\t<meta itemprop=\"height\" content=\"1886\">\n\t\t<\/span>\n\t\t\t\t<meta itemscope itemprop=\"mainEntityOfPage\" itemtype=\"https:\/\/schema.org\/WebPage\" itemid=\"https:\/\/www.psib-psoe.org\/mallorca\/els-socialistes-de-llucmajor-proposen-la-creacio-del-consell-municipal-de-fires-per-revitalitzar-i-protegir-les-fires-del-municipi\/\">\n\t<\/aside>\n\t\t<\/article>\n<\/div>\n<div class=\"small-12 large-4 columns\">\n\t<article itemscope itemtype=\"http:\/\/schema.org\/Article\" class=\"post blog-style7 alt post-30535 type-post status-publish format-standard has-post-thumbnail hentry category-federacio-de-mallorca category-federacio-de-mallorca-portada category-municipis category-portada tag-agrupacio-socialista-marratxi tag-amanda-fernandez tag-ares-fernandez tag-catalina-cladera tag-miquel-cabot tag-psib-psoe tag-tolo-aguilar\" role=\"article\">\n\t\t<figure class=\"post-gallery\"><img loading=\"lazy\" decoding=\"async\" width=\"600\" height=\"400\" src=\"https:\/\/www.psib-psoe.org\/mallorca\/wp-content\/uploads\/Son-Bonet-edited-600x400.jpeg\" class=\"attachment-notio-general-x2 size-notio-general-x2 wp-post-image\" alt=\"\" srcset=\"https:\/\/www.psib-psoe.org\/mallorca\/wp-content\/uploads\/Son-Bonet-edited-600x400.jpeg 600w, https:\/\/www.psib-psoe.org\/mallorca\/wp-content\/uploads\/Son-Bonet-edited-300x200.jpeg 300w, https:\/\/www.psib-psoe.org\/mallorca\/wp-content\/uploads\/Son-Bonet-edited-900x600.jpeg 900w, https:\/\/www.psib-psoe.org\/mallorca\/wp-content\/uploads\/Son-Bonet-edited-20x13.jpeg 20w\" sizes=\"(max-width: 600px) 100vw, 600px\" \/><\/figure>\n\t\t<div class=\"blog-top\">\n\t\t\t<header class=\"post-title entry-header\">\n\t\t\t\t<aside class=\"post-meta cf\">\n\t\t23\/10\/2025 \/ <a href=\"https:\/\/www.psib-psoe.org\/mallorca\/category\/federacio-de-mallorca\/\" rel=\"category tag\">Federaci\u00f3 de Mallorca<\/a>, <a href=\"https:\/\/www.psib-psoe.org\/mallorca\/category\/federacio-de-mallorca-portada\/\" rel=\"category tag\">Federaci\u00f3 de Mallorca - Portada<\/a>, <a href=\"https:\/\/www.psib-psoe.org\/mallorca\/category\/municipis\/\" rel=\"category tag\">Municipis<\/a>, <a href=\"https:\/\/www.psib-psoe.org\/mallorca\/category\/portada\/\" rel=\"category tag\">Portada<\/a><\/aside>\n\t\t\t\t<h3 itemprop=\"headline\"><a href=\"https:\/\/www.psib-psoe.org\/mallorca\/els-socialistes-de-marratxi-reclamen-que-ajuntament-govern-i-consell-actuin-contundentment-per-aturar-el-projecte-fotovoltaic-de-son-bonet\/\" title=\"Els Socialistes de Marratx\u00ed reclamen que Ajuntament, Govern i Consell actu\u00efn contundentment per aturar el projecte fotovoltaic de Son Bonet.\">Els Socialistes de Marratx\u00ed reclamen que Ajuntament, Govern i Consell actu\u00efn contundentment per aturar el projecte fotovoltaic de Son Bonet.<\/a><\/h3>\n\t\t\t<\/header>\n\t\t<\/div>\n\t\t<div class=\"post-content\">\n\t\t\t<a href=\"https:\/\/www.psib-psoe.org\/mallorca\/els-socialistes-de-marratxi-reclamen-que-ajuntament-govern-i-consell-actuin-contundentment-per-aturar-el-projecte-fotovoltaic-de-son-bonet\/\" class=\"more-link\">Read More<\/a>\n\t\t<\/div>\n\t\t\t<aside class=\"post-bottom-meta hide\">\n\t\t<strong rel=\"author\" itemprop=\"author\" class=\"author vcard\"><span class=\"fn\">Albert<\/span><\/strong>\n\t\t<time class=\"date published time\" datetime=\"2025-10-23T16:22:01+02:00\" itemprop=\"datePublished\" content=\"2025-10-23T16:22:01+02:00\">23\/10\/2025<\/time>\n\t\t<meta itemprop=\"dateModified\" class=\"date updated\" content=\"2025-10-24T11:38:39+02:00\">\n\t\t<span class=\"hide\" itemprop=\"publisher\" itemscope itemtype=\"https:\/\/schema.org\/Organization\">\n\t\t\t<meta itemprop=\"name\" content=\"SocialistesdMca\">\n\t\t\t<span itemprop=\"logo\" itemscope itemtype=\"https:\/\/schema.org\/ImageObject\">\n\t\t\t\t<meta itemprop=\"url\" content=\"https:\/\/www.psib-psoe.org\/mallorca\/wp-content\/themes\/notio-wp\/assets\/img\/logo.png\">\n\t\t\t<\/span>\n\t\t\t<meta itemprop=\"url\" content=\"https:\/\/www.psib-psoe.org\/mallorca\/\">\n\t\t<\/span>\n\t\t\t\t<span class=\"hide\" itemprop=\"image\" itemscope itemtype=\"http:\/\/schema.org\/ImageObject\">\n\t\t\t<meta itemprop=\"url\" content=\"https:\/\/www.psib-psoe.org\/mallorca\/wp-content\/uploads\/Son-Bonet-edited.jpeg\">\n\t\t\t<meta itemprop=\"width\" content=\"1536\">\n\t\t\t<meta itemprop=\"height\" content=\"864\">\n\t\t<\/span>\n\t\t\t\t<meta itemscope itemprop=\"mainEntityOfPage\" itemtype=\"https:\/\/schema.org\/WebPage\" itemid=\"https:\/\/www.psib-psoe.org\/mallorca\/els-socialistes-de-marratxi-reclamen-que-ajuntament-govern-i-consell-actuin-contundentment-per-aturar-el-projecte-fotovoltaic-de-son-bonet\/\">\n\t<\/aside>\n\t\t<\/article>\n<\/div>\n<div class=\"small-12 large-4 columns\">\n\t<article itemscope itemtype=\"http:\/\/schema.org\/Article\" class=\"post blog-style7 alt post-30530 type-post status-publish format-standard has-post-thumbnail hentry category-federacio-de-mallorca category-federacio-de-mallorca-portada category-municipis category-portada tag-amanda-fernandez tag-ares-fernandez tag-bea-gamundi tag-catalina-cladera tag-consell-de-mallorca tag-daniel-oliveira tag-federacio-socialista-de-mallorca tag-joan-ferrer tag-juana-m-adrover tag-miquel-cabot tag-omar-lamin tag-psib-psoe tag-silvana-gonzalez tag-sofia-alonso tag-xisco-dalmau\" role=\"article\">\n\t\t<figure class=\"post-gallery\"><img loading=\"lazy\" decoding=\"async\" width=\"600\" height=\"400\" src=\"https:\/\/www.psib-psoe.org\/mallorca\/wp-content\/uploads\/Acte-Carittas-1-edited-600x400.jpeg\" class=\"attachment-notio-general-x2 size-notio-general-x2 wp-post-image\" alt=\"\" srcset=\"https:\/\/www.psib-psoe.org\/mallorca\/wp-content\/uploads\/Acte-Carittas-1-edited-600x400.jpeg 600w, https:\/\/www.psib-psoe.org\/mallorca\/wp-content\/uploads\/Acte-Carittas-1-edited-300x200.jpeg 300w, https:\/\/www.psib-psoe.org\/mallorca\/wp-content\/uploads\/Acte-Carittas-1-edited-1024x682.jpeg 1024w, https:\/\/www.psib-psoe.org\/mallorca\/wp-content\/uploads\/Acte-Carittas-1-edited-768x512.jpeg 768w, https:\/\/www.psib-psoe.org\/mallorca\/wp-content\/uploads\/Acte-Carittas-1-edited-150x100.jpeg 150w, https:\/\/www.psib-psoe.org\/mallorca\/wp-content\/uploads\/Acte-Carittas-1-edited-900x600.jpeg 900w, https:\/\/www.psib-psoe.org\/mallorca\/wp-content\/uploads\/Acte-Carittas-1-edited-20x13.jpeg 20w, https:\/\/www.psib-psoe.org\/mallorca\/wp-content\/uploads\/Acte-Carittas-1-edited.jpeg 1349w\" sizes=\"(max-width: 600px) 100vw, 600px\" \/><\/figure>\n\t\t<div class=\"blog-top\">\n\t\t\t<header class=\"post-title entry-header\">\n\t\t\t\t<aside class=\"post-meta cf\">\n\t\t23\/10\/2025 \/ <a href=\"https:\/\/www.psib-psoe.org\/mallorca\/category\/federacio-de-mallorca\/\" rel=\"category tag\">Federaci\u00f3 de Mallorca<\/a>, <a href=\"https:\/\/www.psib-psoe.org\/mallorca\/category\/federacio-de-mallorca-portada\/\" rel=\"category tag\">Federaci\u00f3 de Mallorca - Portada<\/a>, <a href=\"https:\/\/www.psib-psoe.org\/mallorca\/category\/municipis\/\" rel=\"category tag\">Municipis<\/a>, <a href=\"https:\/\/www.psib-psoe.org\/mallorca\/category\/portada\/\" rel=\"category tag\">Portada<\/a><\/aside>\n\t\t\t\t<h3 itemprop=\"headline\"><a href=\"https:\/\/www.psib-psoe.org\/mallorca\/sofia-alonso-pel-pp-lhabitatge-no-es-un-dret-es-un-negoci-especulatiu-i-sempre-estara-del-costat-dels-seus-amics-i-no-de-qui-necessita-ajuda\/\" title=\"Sofia Alonso: \u201cPel PP l\u2019habitatge no \u00e9s un dret, \u00e9s un negoci especulatiu i sempre estar\u00e0 del costat dels seus amics, i no de qui necessita ajuda\u201d\">Sofia Alonso: \u201cPel PP l\u2019habitatge no \u00e9s un dret, \u00e9s un negoci especulatiu i sempre estar\u00e0 del costat dels seus amics, i no de qui necessita ajuda\u201d<\/a><\/h3>\n\t\t\t<\/header>\n\t\t<\/div>\n\t\t<div class=\"post-content\">\n\t\t\t<a href=\"https:\/\/www.psib-psoe.org\/mallorca\/sofia-alonso-pel-pp-lhabitatge-no-es-un-dret-es-un-negoci-especulatiu-i-sempre-estara-del-costat-dels-seus-amics-i-no-de-qui-necessita-ajuda\/\" class=\"more-link\">Read More<\/a>\n\t\t<\/div>\n\t\t\t<aside class=\"post-bottom-meta hide\">\n\t\t<strong rel=\"author\" itemprop=\"author\" class=\"author vcard\"><span class=\"fn\">Albert<\/span><\/strong>\n\t\t<time class=\"date published time\" datetime=\"2025-10-23T13:37:32+02:00\" itemprop=\"datePublished\" content=\"2025-10-23T13:37:32+02:00\">23\/10\/2025<\/time>\n\t\t<meta itemprop=\"dateModified\" class=\"date updated\" content=\"2025-10-23T13:37:43+02:00\">\n\t\t<span class=\"hide\" itemprop=\"publisher\" itemscope itemtype=\"https:\/\/schema.org\/Organization\">\n\t\t\t<meta itemprop=\"name\" content=\"SocialistesdMca\">\n\t\t\t<span itemprop=\"logo\" itemscope itemtype=\"https:\/\/schema.org\/ImageObject\">\n\t\t\t\t<meta itemprop=\"url\" content=\"https:\/\/www.psib-psoe.org\/mallorca\/wp-content\/themes\/notio-wp\/assets\/img\/logo.png\">\n\t\t\t<\/span>\n\t\t\t<meta itemprop=\"url\" content=\"https:\/\/www.psib-psoe.org\/mallorca\/\">\n\t\t<\/span>\n\t\t\t\t<span class=\"hide\" itemprop=\"image\" itemscope itemtype=\"http:\/\/schema.org\/ImageObject\">\n\t\t\t<meta itemprop=\"url\" content=\"https:\/\/www.psib-psoe.org\/mallorca\/wp-content\/uploads\/Acte-Carittas-1-edited.jpeg\">\n\t\t\t<meta itemprop=\"width\" content=\"1349\">\n\t\t\t<meta itemprop=\"height\" content=\"899\">\n\t\t<\/span>\n\t\t\t\t<meta itemscope itemprop=\"mainEntityOfPage\" itemtype=\"https:\/\/schema.org\/WebPage\" itemid=\"https:\/\/www.psib-psoe.org\/mallorca\/sofia-alonso-pel-pp-lhabitatge-no-es-un-dret-es-un-negoci-especulatiu-i-sempre-estara-del-costat-dels-seus-amics-i-no-de-qui-necessita-ajuda\/\">\n\t<\/aside>\n\t\t<\/article>\n<\/div>\n<div class=\"small-12 large-4 columns\">\n\t<article itemscope itemtype=\"http:\/\/schema.org\/Article\" class=\"post blog-style7 alt post-30525 type-post status-publish format-standard has-post-thumbnail hentry category-consell-de-mallorca category-federacio-de-mallorca category-federacio-de-mallorca-portada category-portada tag-agrupacio-socialista-dandratx tag-amanda-fernandez tag-antoni-mir tag-ares-fernandez tag-catalina-cladera tag-consell-de-mallorca tag-enaitz-inan tag-federacio-socialista-de-mallorca tag-joan-mendez tag-juana-m-adrover tag-tolo-aguilar\" role=\"article\">\n\t\t<figure class=\"post-gallery\"><img loading=\"lazy\" decoding=\"async\" width=\"600\" height=\"400\" src=\"https:\/\/www.psib-psoe.org\/mallorca\/wp-content\/uploads\/Enaitz3-edited-600x400.jpeg\" class=\"attachment-notio-general-x2 size-notio-general-x2 wp-post-image\" alt=\"\" srcset=\"https:\/\/www.psib-psoe.org\/mallorca\/wp-content\/uploads\/Enaitz3-edited-600x400.jpeg 600w, https:\/\/www.psib-psoe.org\/mallorca\/wp-content\/uploads\/Enaitz3-edited-300x200.jpeg 300w, https:\/\/www.psib-psoe.org\/mallorca\/wp-content\/uploads\/Enaitz3-edited-20x13.jpeg 20w\" sizes=\"(max-width: 600px) 100vw, 600px\" \/><\/figure>\n\t\t<div class=\"blog-top\">\n\t\t\t<header class=\"post-title entry-header\">\n\t\t\t\t<aside class=\"post-meta cf\">\n\t\t23\/10\/2025 \/ <a href=\"https:\/\/www.psib-psoe.org\/mallorca\/category\/consell-de-mallorca\/\" rel=\"category tag\">Consell de Mallorca<\/a>, <a href=\"https:\/\/www.psib-psoe.org\/mallorca\/category\/federacio-de-mallorca\/\" rel=\"category tag\">Federaci\u00f3 de Mallorca<\/a>, <a href=\"https:\/\/www.psib-psoe.org\/mallorca\/category\/federacio-de-mallorca-portada\/\" rel=\"category tag\">Federaci\u00f3 de Mallorca - Portada<\/a>, <a href=\"https:\/\/www.psib-psoe.org\/mallorca\/category\/portada\/\" rel=\"category tag\">Portada<\/a><\/aside>\n\t\t\t\t<h3 itemprop=\"headline\"><a href=\"https:\/\/www.psib-psoe.org\/mallorca\/els-socialistes-dandratx-carreguen-contra-la-pujada-indiscriminada-del-30-de-limpost-municipal-dels-fems\/\" title=\"Els Socialistes d\u2019Andratx carreguen contra la pujada indiscriminada del 30% de l\u2019impost municipal dels fems.\">Els Socialistes d\u2019Andratx carreguen contra la pujada indiscriminada del 30% de l\u2019impost municipal dels fems.<\/a><\/h3>\n\t\t\t<\/header>\n\t\t<\/div>\n\t\t<div class=\"post-content\">\n\t\t\t<a href=\"https:\/\/www.psib-psoe.org\/mallorca\/els-socialistes-dandratx-carreguen-contra-la-pujada-indiscriminada-del-30-de-limpost-municipal-dels-fems\/\" class=\"more-link\">Read More<\/a>\n\t\t<\/div>\n\t\t\t<aside class=\"post-bottom-meta hide\">\n\t\t<strong rel=\"author\" itemprop=\"author\" class=\"author vcard\"><span class=\"fn\">Albert<\/span><\/strong>\n\t\t<time class=\"date published time\" datetime=\"2025-10-23T11:18:53+02:00\" itemprop=\"datePublished\" content=\"2025-10-23T11:18:53+02:00\">23\/10\/2025<\/time>\n\t\t<meta itemprop=\"dateModified\" class=\"date updated\" content=\"2025-10-23T17:51:02+02:00\">\n\t\t<span class=\"hide\" itemprop=\"publisher\" itemscope itemtype=\"https:\/\/schema.org\/Organization\">\n\t\t\t<meta itemprop=\"name\" content=\"SocialistesdMca\">\n\t\t\t<span itemprop=\"logo\" itemscope itemtype=\"https:\/\/schema.org\/ImageObject\">\n\t\t\t\t<meta itemprop=\"url\" content=\"https:\/\/www.psib-psoe.org\/mallorca\/wp-content\/themes\/notio-wp\/assets\/img\/logo.png\">\n\t\t\t<\/span>\n\t\t\t<meta itemprop=\"url\" content=\"https:\/\/www.psib-psoe.org\/mallorca\/\">\n\t\t<\/span>\n\t\t\t\t<span class=\"hide\" itemprop=\"image\" itemscope itemtype=\"http:\/\/schema.org\/ImageObject\">\n\t\t\t<meta itemprop=\"url\" content=\"https:\/\/www.psib-psoe.org\/mallorca\/wp-content\/uploads\/Enaitz3-edited.jpeg\">\n\t\t\t<meta itemprop=\"width\" content=\"800\">\n\t\t\t<meta itemprop=\"height\" content=\"1200\">\n\t\t<\/span>\n\t\t\t\t<meta itemscope itemprop=\"mainEntityOfPage\" itemtype=\"https:\/\/schema.org\/WebPage\" itemid=\"https:\/\/www.psib-psoe.org\/mallorca\/els-socialistes-dandratx-carreguen-contra-la-pujada-indiscriminada-del-30-de-limpost-municipal-dels-fems\/\">\n\t<\/aside>\n\t\t<\/article>\n<\/div>\n<div class=\"small-12 large-4 columns\">\n\t<article itemscope itemtype=\"http:\/\/schema.org\/Article\" class=\"post blog-style7 alt post-30520 type-post status-publish format-standard has-post-thumbnail hentry category-federacio-de-mallorca category-federacio-de-mallorca-portada category-municipis category-portada tag-amanda-fernandez tag-ares-fernandez tag-bea-gamundi tag-catalina-cladera tag-consell-de-mallorca tag-federacio-socialista-de-mallorca tag-joan-ferrer tag-juana-m-adrover tag-miquel-cabot tag-psib-psoe tag-sofia-alonso\" role=\"article\">\n\t\t<figure class=\"post-gallery\"><img loading=\"lazy\" decoding=\"async\" width=\"600\" height=\"400\" src=\"https:\/\/www.psib-psoe.org\/mallorca\/wp-content\/uploads\/Grup-Mendez-091025-1-1-edited-600x400.jpeg\" class=\"attachment-notio-general-x2 size-notio-general-x2 wp-post-image\" alt=\"\" srcset=\"https:\/\/www.psib-psoe.org\/mallorca\/wp-content\/uploads\/Grup-Mendez-091025-1-1-edited-600x400.jpeg 600w, https:\/\/www.psib-psoe.org\/mallorca\/wp-content\/uploads\/Grup-Mendez-091025-1-1-edited-300x200.jpeg 300w, https:\/\/www.psib-psoe.org\/mallorca\/wp-content\/uploads\/Grup-Mendez-091025-1-1-edited-900x600.jpeg 900w, https:\/\/www.psib-psoe.org\/mallorca\/wp-content\/uploads\/Grup-Mendez-091025-1-1-edited-20x13.jpeg 20w\" sizes=\"(max-width: 600px) 100vw, 600px\" \/><\/figure>\n\t\t<div class=\"blog-top\">\n\t\t\t<header class=\"post-title entry-header\">\n\t\t\t\t<aside class=\"post-meta cf\">\n\t\t22\/10\/2025 \/ <a href=\"https:\/\/www.psib-psoe.org\/mallorca\/category\/federacio-de-mallorca\/\" rel=\"category tag\">Federaci\u00f3 de Mallorca<\/a>, <a href=\"https:\/\/www.psib-psoe.org\/mallorca\/category\/federacio-de-mallorca-portada\/\" rel=\"category tag\">Federaci\u00f3 de Mallorca - Portada<\/a>, <a href=\"https:\/\/www.psib-psoe.org\/mallorca\/category\/municipis\/\" rel=\"category tag\">Municipis<\/a>, <a href=\"https:\/\/www.psib-psoe.org\/mallorca\/category\/portada\/\" rel=\"category tag\">Portada<\/a><\/aside>\n\t\t\t\t<h3 itemprop=\"headline\"><a href=\"https:\/\/www.psib-psoe.org\/mallorca\/lestabliment-duna-nova-taxa-de-fems-municipal-a-tot-lestat-respon-a-una-normativa-europea-implantada-pel-partit-popular-europeu-amb-el-suport-del-pp-a-madrid\/\" title=\"L\u2019establiment d\u2019una nova taxa de fems municipal a tot l\u2019Estat respon a una normativa europea implantada pel Partit Popular Europeu, amb el suport del PP a Madrid.\">L\u2019establiment d\u2019una nova taxa de fems municipal a tot l\u2019Estat respon a una normativa europea implantada pel Partit Popular Europeu, amb el suport del PP a Madrid.<\/a><\/h3>\n\t\t\t<\/header>\n\t\t<\/div>\n\t\t<div class=\"post-content\">\n\t\t\t<a href=\"https:\/\/www.psib-psoe.org\/mallorca\/lestabliment-duna-nova-taxa-de-fems-municipal-a-tot-lestat-respon-a-una-normativa-europea-implantada-pel-partit-popular-europeu-amb-el-suport-del-pp-a-madrid\/\" class=\"more-link\">Read More<\/a>\n\t\t<\/div>\n\t\t\t<aside class=\"post-bottom-meta hide\">\n\t\t<strong rel=\"author\" itemprop=\"author\" class=\"author vcard\"><span class=\"fn\">Albert<\/span><\/strong>\n\t\t<time class=\"date published time\" datetime=\"2025-10-22T17:16:48+02:00\" itemprop=\"datePublished\" content=\"2025-10-22T17:16:48+02:00\">22\/10\/2025<\/time>\n\t\t<meta itemprop=\"dateModified\" class=\"date updated\" content=\"2025-10-22T17:16:59+02:00\">\n\t\t<span class=\"hide\" itemprop=\"publisher\" itemscope itemtype=\"https:\/\/schema.org\/Organization\">\n\t\t\t<meta itemprop=\"name\" content=\"SocialistesdMca\">\n\t\t\t<span itemprop=\"logo\" itemscope itemtype=\"https:\/\/schema.org\/ImageObject\">\n\t\t\t\t<meta itemprop=\"url\" content=\"https:\/\/www.psib-psoe.org\/mallorca\/wp-content\/themes\/notio-wp\/assets\/img\/logo.png\">\n\t\t\t<\/span>\n\t\t\t<meta itemprop=\"url\" content=\"https:\/\/www.psib-psoe.org\/mallorca\/\">\n\t\t<\/span>\n\t\t\t\t<span class=\"hide\" itemprop=\"image\" itemscope itemtype=\"http:\/\/schema.org\/ImageObject\">\n\t\t\t<meta itemprop=\"url\" content=\"https:\/\/www.psib-psoe.org\/mallorca\/wp-content\/uploads\/Grup-Mendez-091025-1-1-edited.jpeg\">\n\t\t\t<meta itemprop=\"width\" content=\"1200\">\n\t\t\t<meta itemprop=\"height\" content=\"675\">\n\t\t<\/span>\n\t\t\t\t<meta itemscope itemprop=\"mainEntityOfPage\" itemtype=\"https:\/\/schema.org\/WebPage\" itemid=\"https:\/\/www.psib-psoe.org\/mallorca\/lestabliment-duna-nova-taxa-de-fems-municipal-a-tot-lestat-respon-a-una-normativa-europea-implantada-pel-partit-popular-europeu-amb-el-suport-del-pp-a-madrid\/\">\n\t<\/aside>\n\t\t<\/article>\n<\/div>\n<div class=\"small-12 large-4 columns\">\n\t<article itemscope itemtype=\"http:\/\/schema.org\/Article\" class=\"post blog-style7 alt post-30518 type-post status-publish format-standard has-post-thumbnail hentry category-federacio-de-mallorca tag-federacio-socialista-de-mallorca\" role=\"article\">\n\t\t<figure class=\"post-gallery\"><img loading=\"lazy\" decoding=\"async\" width=\"600\" height=\"400\" src=\"https:\/\/www.psib-psoe.org\/mallorca\/wp-content\/uploads\/Captura-de-pantalla-2025-10-22-a-les-16.34.11-969x750-1-600x400.png\" class=\"attachment-notio-general-x2 size-notio-general-x2 wp-post-image\" alt=\"\" srcset=\"https:\/\/www.psib-psoe.org\/mallorca\/wp-content\/uploads\/Captura-de-pantalla-2025-10-22-a-les-16.34.11-969x750-1-600x400.png 600w, https:\/\/www.psib-psoe.org\/mallorca\/wp-content\/uploads\/Captura-de-pantalla-2025-10-22-a-les-16.34.11-969x750-1-300x200.png 300w, https:\/\/www.psib-psoe.org\/mallorca\/wp-content\/uploads\/Captura-de-pantalla-2025-10-22-a-les-16.34.11-969x750-1-900x600.png 900w, https:\/\/www.psib-psoe.org\/mallorca\/wp-content\/uploads\/Captura-de-pantalla-2025-10-22-a-les-16.34.11-969x750-1-20x13.png 20w\" sizes=\"(max-width: 600px) 100vw, 600px\" \/><\/figure>\n\t\t<div class=\"blog-top\">\n\t\t\t<header class=\"post-title entry-header\">\n\t\t\t\t<aside class=\"post-meta cf\">\n\t\t22\/10\/2025 \/ <a href=\"https:\/\/www.psib-psoe.org\/mallorca\/category\/federacio-de-mallorca\/\" rel=\"category tag\">Federaci\u00f3 de Mallorca<\/a><\/aside>\n\t\t\t\t<h3 itemprop=\"headline\"><a href=\"https:\/\/www.psib-psoe.org\/mallorca\/amanda-fernandez-adverteix-al-govern-que-amb-loferiment-del-ministre-puente-prohens-ja-no-te-excusa-per-no-comencar-el-tren-de-llevant\/\" title=\"Amanda Fern\u00e1ndez adverteix al Govern que, amb l\u2019oferiment del ministre Puente, Prohens ja no t\u00e9 excusa per no comen\u00e7ar el Tren de Llevant\">Amanda Fern\u00e1ndez adverteix al Govern que, amb l\u2019oferiment del ministre Puente, Prohens ja no t\u00e9 excusa per no comen\u00e7ar el Tren de Llevant<\/a><\/h3>\n\t\t\t<\/header>\n\t\t<\/div>\n\t\t<div class=\"post-content\">\n\t\t\t<a href=\"https:\/\/www.psib-psoe.org\/mallorca\/amanda-fernandez-adverteix-al-govern-que-amb-loferiment-del-ministre-puente-prohens-ja-no-te-excusa-per-no-comencar-el-tren-de-llevant\/\" class=\"more-link\">Read More<\/a>\n\t\t<\/div>\n\t\t\t<aside class=\"post-bottom-meta hide\">\n\t\t<strong rel=\"author\" itemprop=\"author\" class=\"author vcard\"><span class=\"fn\">adminpsib<\/span><\/strong>\n\t\t<time class=\"date published time\" datetime=\"2025-10-22T16:36:45+02:00\" itemprop=\"datePublished\" content=\"2025-10-22T16:36:45+02:00\">22\/10\/2025<\/time>\n\t\t<meta itemprop=\"dateModified\" class=\"date updated\" content=\"2025-10-22T16:36:45+02:00\">\n\t\t<span class=\"hide\" itemprop=\"publisher\" itemscope itemtype=\"https:\/\/schema.org\/Organization\">\n\t\t\t<meta itemprop=\"name\" content=\"SocialistesdMca\">\n\t\t\t<span itemprop=\"logo\" itemscope itemtype=\"https:\/\/schema.org\/ImageObject\">\n\t\t\t\t<meta itemprop=\"url\" content=\"https:\/\/www.psib-psoe.org\/mallorca\/wp-content\/themes\/notio-wp\/assets\/img\/logo.png\">\n\t\t\t<\/span>\n\t\t\t<meta itemprop=\"url\" content=\"https:\/\/www.psib-psoe.org\/mallorca\/\">\n\t\t<\/span>\n\t\t\t\t<span class=\"hide\" itemprop=\"image\" itemscope itemtype=\"http:\/\/schema.org\/ImageObject\">\n\t\t\t<meta itemprop=\"url\" content=\"https:\/\/www.psib-psoe.org\/mallorca\/wp-content\/uploads\/Captura-de-pantalla-2025-10-22-a-les-16.34.11-969x750-1.png\">\n\t\t\t<meta itemprop=\"width\" content=\"969\">\n\t\t\t<meta itemprop=\"height\" content=\"750\">\n\t\t<\/span>\n\t\t\t\t<meta itemscope itemprop=\"mainEntityOfPage\" itemtype=\"https:\/\/schema.org\/WebPage\" itemid=\"https:\/\/www.psib-psoe.org\/mallorca\/amanda-fernandez-adverteix-al-govern-que-amb-loferiment-del-ministre-puente-prohens-ja-no-te-excusa-per-no-comencar-el-tren-de-llevant\/\">\n\t<\/aside>\n\t\t<\/article>\n<\/div>\n<div class=\"small-12 large-4 columns\">\n\t<article itemscope itemtype=\"http:\/\/schema.org\/Article\" class=\"post blog-style7 alt post-30510 type-post status-publish format-standard has-post-thumbnail hentry category-federacio-de-mallorca category-federacio-de-mallorca-portada category-municipis category-portada tag-amanda-fernandez tag-ares-fernandez tag-jaume-j-oliver tag-jaume-oliver tag-llucmajor tag-psib-psoe tag-sarenal tag-sarenal-de-llucmajor\" role=\"article\">\n\t\t<figure class=\"post-gallery\"><img loading=\"lazy\" decoding=\"async\" width=\"600\" height=\"400\" src=\"https:\/\/www.psib-psoe.org\/mallorca\/wp-content\/uploads\/Escaloa-de-Musica-1-edited-1-600x400.jpeg\" class=\"attachment-notio-general-x2 size-notio-general-x2 wp-post-image\" alt=\"\" srcset=\"https:\/\/www.psib-psoe.org\/mallorca\/wp-content\/uploads\/Escaloa-de-Musica-1-edited-1-600x400.jpeg 600w, https:\/\/www.psib-psoe.org\/mallorca\/wp-content\/uploads\/Escaloa-de-Musica-1-edited-1-300x200.jpeg 300w, https:\/\/www.psib-psoe.org\/mallorca\/wp-content\/uploads\/Escaloa-de-Musica-1-edited-1-900x600.jpeg 900w, https:\/\/www.psib-psoe.org\/mallorca\/wp-content\/uploads\/Escaloa-de-Musica-1-edited-1-20x13.jpeg 20w\" sizes=\"(max-width: 600px) 100vw, 600px\" \/><\/figure>\n\t\t<div class=\"blog-top\">\n\t\t\t<header class=\"post-title entry-header\">\n\t\t\t\t<aside class=\"post-meta cf\">\n\t\t22\/10\/2025 \/ <a href=\"https:\/\/www.psib-psoe.org\/mallorca\/category\/federacio-de-mallorca\/\" rel=\"category tag\">Federaci\u00f3 de Mallorca<\/a>, <a href=\"https:\/\/www.psib-psoe.org\/mallorca\/category\/federacio-de-mallorca-portada\/\" rel=\"category tag\">Federaci\u00f3 de Mallorca - Portada<\/a>, <a href=\"https:\/\/www.psib-psoe.org\/mallorca\/category\/municipis\/\" rel=\"category tag\">Municipis<\/a>, <a href=\"https:\/\/www.psib-psoe.org\/mallorca\/category\/portada\/\" rel=\"category tag\">Portada<\/a><\/aside>\n\t\t\t\t<h3 itemprop=\"headline\"><a href=\"https:\/\/www.psib-psoe.org\/mallorca\/els-socialistes-de-llucmajor-exigeixen-que-lajuntament-proporcioni-un-nou-espai-a-lescola-de-musica-i-arts-esceniques-del-municipi\/\" title=\"Els Socialistes de Llucmajor exigeixen que l\u2019Ajuntament proporcioni un nou espai a l\u2019Escola de M\u00fasica i Arts Esc\u00e8niques del municipi.\">Els Socialistes de Llucmajor exigeixen que l\u2019Ajuntament proporcioni un nou espai a l\u2019Escola de M\u00fasica i Arts Esc\u00e8niques del municipi.<\/a><\/h3>\n\t\t\t<\/header>\n\t\t<\/div>\n\t\t<div class=\"post-content\">\n\t\t\t<a href=\"https:\/\/www.psib-psoe.org\/mallorca\/els-socialistes-de-llucmajor-exigeixen-que-lajuntament-proporcioni-un-nou-espai-a-lescola-de-musica-i-arts-esceniques-del-municipi\/\" class=\"more-link\">Read More<\/a>\n\t\t<\/div>\n\t\t\t<aside class=\"post-bottom-meta hide\">\n\t\t<strong rel=\"author\" itemprop=\"author\" class=\"author vcard\"><span class=\"fn\">Albert<\/span><\/strong>\n\t\t<time class=\"date published time\" datetime=\"2025-10-22T13:42:00+02:00\" itemprop=\"datePublished\" content=\"2025-10-22T13:42:00+02:00\">22\/10\/2025<\/time>\n\t\t<meta itemprop=\"dateModified\" class=\"date updated\" content=\"2025-10-22T13:42:12+02:00\">\n\t\t<span class=\"hide\" itemprop=\"publisher\" itemscope itemtype=\"https:\/\/schema.org\/Organization\">\n\t\t\t<meta itemprop=\"name\" content=\"SocialistesdMca\">\n\t\t\t<span itemprop=\"logo\" itemscope itemtype=\"https:\/\/schema.org\/ImageObject\">\n\t\t\t\t<meta itemprop=\"url\" content=\"https:\/\/www.psib-psoe.org\/mallorca\/wp-content\/themes\/notio-wp\/assets\/img\/logo.png\">\n\t\t\t<\/span>\n\t\t\t<meta itemprop=\"url\" content=\"https:\/\/www.psib-psoe.org\/mallorca\/\">\n\t\t<\/span>\n\t\t\t\t<span class=\"hide\" itemprop=\"image\" itemscope itemtype=\"http:\/\/schema.org\/ImageObject\">\n\t\t\t<meta itemprop=\"url\" content=\"https:\/\/www.psib-psoe.org\/mallorca\/wp-content\/uploads\/Escaloa-de-Musica-1-edited-1.jpeg\">\n\t\t\t<meta itemprop=\"width\" content=\"900\">\n\t\t\t<meta itemprop=\"height\" content=\"675\">\n\t\t<\/span>\n\t\t\t\t<meta itemscope itemprop=\"mainEntityOfPage\" itemtype=\"https:\/\/schema.org\/WebPage\" itemid=\"https:\/\/www.psib-psoe.org\/mallorca\/els-socialistes-de-llucmajor-exigeixen-que-lajuntament-proporcioni-un-nou-espai-a-lescola-de-musica-i-arts-esceniques-del-municipi\/\">\n\t<\/aside>\n\t\t<\/article>\n<\/div>\n<div class=\"small-12 large-4 columns\">\n\t<article itemscope itemtype=\"http:\/\/schema.org\/Article\" class=\"post blog-style7 alt post-30507 type-post status-publish format-standard has-post-thumbnail hentry category-consell-de-mallorca category-federacio-de-mallorca category-federacio-de-mallorca-portada category-municipis category-portada tag-amanda-fernandez tag-andreu-serra tag-bea-gamundi tag-biel-alomar tag-catalina-cladera tag-consell-de-mallorca tag-federacio-socialista-de-mallorca tag-jaume-mateu tag-joan-ferrer tag-juana-m-adrover tag-psib-psoe tag-sofia-alonso\" role=\"article\">\n\t\t<figure class=\"post-gallery\"><img loading=\"lazy\" decoding=\"async\" width=\"600\" height=\"400\" src=\"https:\/\/www.psib-psoe.org\/mallorca\/wp-content\/uploads\/Grup-Mendez-091025-1-edited-600x400.jpeg\" class=\"attachment-notio-general-x2 size-notio-general-x2 wp-post-image\" alt=\"\" srcset=\"https:\/\/www.psib-psoe.org\/mallorca\/wp-content\/uploads\/Grup-Mendez-091025-1-edited-600x400.jpeg 600w, https:\/\/www.psib-psoe.org\/mallorca\/wp-content\/uploads\/Grup-Mendez-091025-1-edited-300x200.jpeg 300w, https:\/\/www.psib-psoe.org\/mallorca\/wp-content\/uploads\/Grup-Mendez-091025-1-edited-1024x683.jpeg 1024w, https:\/\/www.psib-psoe.org\/mallorca\/wp-content\/uploads\/Grup-Mendez-091025-1-edited-768x512.jpeg 768w, https:\/\/www.psib-psoe.org\/mallorca\/wp-content\/uploads\/Grup-Mendez-091025-1-edited-150x100.jpeg 150w, https:\/\/www.psib-psoe.org\/mallorca\/wp-content\/uploads\/Grup-Mendez-091025-1-edited-900x600.jpeg 900w, https:\/\/www.psib-psoe.org\/mallorca\/wp-content\/uploads\/Grup-Mendez-091025-1-edited-20x13.jpeg 20w, https:\/\/www.psib-psoe.org\/mallorca\/wp-content\/uploads\/Grup-Mendez-091025-1-edited.jpeg 1200w\" sizes=\"(max-width: 600px) 100vw, 600px\" \/><\/figure>\n\t\t<div class=\"blog-top\">\n\t\t\t<header class=\"post-title entry-header\">\n\t\t\t\t<aside class=\"post-meta cf\">\n\t\t21\/10\/2025 \/ <a href=\"https:\/\/www.psib-psoe.org\/mallorca\/category\/consell-de-mallorca\/\" rel=\"category tag\">Consell de Mallorca<\/a>, <a href=\"https:\/\/www.psib-psoe.org\/mallorca\/category\/federacio-de-mallorca\/\" rel=\"category tag\">Federaci\u00f3 de Mallorca<\/a>, <a href=\"https:\/\/www.psib-psoe.org\/mallorca\/category\/federacio-de-mallorca-portada\/\" rel=\"category tag\">Federaci\u00f3 de Mallorca - Portada<\/a>, <a href=\"https:\/\/www.psib-psoe.org\/mallorca\/category\/municipis\/\" rel=\"category tag\">Municipis<\/a>, <a href=\"https:\/\/www.psib-psoe.org\/mallorca\/category\/portada\/\" rel=\"category tag\">Portada<\/a><\/aside>\n\t\t\t\t<h3 itemprop=\"headline\"><a href=\"https:\/\/www.psib-psoe.org\/mallorca\/el-consell-de-mallorca-ppvox-evita-aprovar-de-la-llei-de-la-serra-de-tramuntana-mentre-que-permet-la-seva-degradacio-i-lespeculacio-urbanistica\/\" title=\"El Consell de Mallorca PPVox evita aprovar de la Llei de la Serra de Tramuntana mentre que permet la seva degradaci\u00f3 i l\u2019especulaci\u00f3 urban\u00edstica.\">El Consell de Mallorca PPVox evita aprovar de la Llei de la Serra de Tramuntana mentre que permet la seva degradaci\u00f3 i l\u2019especulaci\u00f3 urban\u00edstica.<\/a><\/h3>\n\t\t\t<\/header>\n\t\t<\/div>\n\t\t<div class=\"post-content\">\n\t\t\t<a href=\"https:\/\/www.psib-psoe.org\/mallorca\/el-consell-de-mallorca-ppvox-evita-aprovar-de-la-llei-de-la-serra-de-tramuntana-mentre-que-permet-la-seva-degradacio-i-lespeculacio-urbanistica\/\" class=\"more-link\">Read More<\/a>\n\t\t<\/div>\n\t\t\t<aside class=\"post-bottom-meta hide\">\n\t\t<strong rel=\"author\" itemprop=\"author\" class=\"author vcard\"><span class=\"fn\">Albert<\/span><\/strong>\n\t\t<time class=\"date published time\" datetime=\"2025-10-21T10:25:27+02:00\" itemprop=\"datePublished\" content=\"2025-10-21T10:25:27+02:00\">21\/10\/2025<\/time>\n\t\t<meta itemprop=\"dateModified\" class=\"date updated\" content=\"2025-10-21T10:25:38+02:00\">\n\t\t<span class=\"hide\" itemprop=\"publisher\" itemscope itemtype=\"https:\/\/schema.org\/Organization\">\n\t\t\t<meta itemprop=\"name\" content=\"SocialistesdMca\">\n\t\t\t<span itemprop=\"logo\" itemscope itemtype=\"https:\/\/schema.org\/ImageObject\">\n\t\t\t\t<meta itemprop=\"url\" content=\"https:\/\/www.psib-psoe.org\/mallorca\/wp-content\/themes\/notio-wp\/assets\/img\/logo.png\">\n\t\t\t<\/span>\n\t\t\t<meta itemprop=\"url\" content=\"https:\/\/www.psib-psoe.org\/mallorca\/\">\n\t\t<\/span>\n\t\t\t\t<span class=\"hide\" itemprop=\"image\" itemscope itemtype=\"http:\/\/schema.org\/ImageObject\">\n\t\t\t<meta itemprop=\"url\" content=\"https:\/\/www.psib-psoe.org\/mallorca\/wp-content\/uploads\/Grup-Mendez-091025-1-edited.jpeg\">\n\t\t\t<meta itemprop=\"width\" content=\"1200\">\n\t\t\t<meta itemprop=\"height\" content=\"800\">\n\t\t<\/span>\n\t\t\t\t<meta itemscope itemprop=\"mainEntityOfPage\" itemtype=\"https:\/\/schema.org\/WebPage\" itemid=\"https:\/\/www.psib-psoe.org\/mallorca\/el-consell-de-mallorca-ppvox-evita-aprovar-de-la-llei-de-la-serra-de-tramuntana-mentre-que-permet-la-seva-degradacio-i-lespeculacio-urbanistica\/\">\n\t<\/aside>\n\t\t<\/article>\n<\/div>\n<div class=\"small-12 large-4 columns\">\n\t<article itemscope itemtype=\"http:\/\/schema.org\/Article\" class=\"post blog-style7 alt post-30502 type-post status-publish format-standard has-post-thumbnail hentry category-federacio-de-mallorca category-federacio-de-mallorca-portada category-municipis category-portada tag-agrupacio-socialista-de-soller-2 tag-federacio-socialista-de-mallorca tag-jaume-mateu\" role=\"article\">\n\t\t<figure class=\"post-gallery\"><img loading=\"lazy\" decoding=\"async\" width=\"600\" height=\"400\" src=\"https:\/\/www.psib-psoe.org\/mallorca\/wp-content\/uploads\/201025_Foto-Soller-1-600x400.jpeg\" class=\"attachment-notio-general-x2 size-notio-general-x2 wp-post-image\" alt=\"\" srcset=\"https:\/\/www.psib-psoe.org\/mallorca\/wp-content\/uploads\/201025_Foto-Soller-1-600x400.jpeg 600w, https:\/\/www.psib-psoe.org\/mallorca\/wp-content\/uploads\/201025_Foto-Soller-1-300x200.jpeg 300w, https:\/\/www.psib-psoe.org\/mallorca\/wp-content\/uploads\/201025_Foto-Soller-1-900x600.jpeg 900w, https:\/\/www.psib-psoe.org\/mallorca\/wp-content\/uploads\/201025_Foto-Soller-1-20x13.jpeg 20w\" sizes=\"(max-width: 600px) 100vw, 600px\" \/><\/figure>\n\t\t<div class=\"blog-top\">\n\t\t\t<header class=\"post-title entry-header\">\n\t\t\t\t<aside class=\"post-meta cf\">\n\t\t20\/10\/2025 \/ <a href=\"https:\/\/www.psib-psoe.org\/mallorca\/category\/federacio-de-mallorca\/\" rel=\"category tag\">Federaci\u00f3 de Mallorca<\/a>, <a href=\"https:\/\/www.psib-psoe.org\/mallorca\/category\/federacio-de-mallorca-portada\/\" rel=\"category tag\">Federaci\u00f3 de Mallorca - Portada<\/a>, <a href=\"https:\/\/www.psib-psoe.org\/mallorca\/category\/municipis\/\" rel=\"category tag\">Municipis<\/a>, <a href=\"https:\/\/www.psib-psoe.org\/mallorca\/category\/portada\/\" rel=\"category tag\">Portada<\/a><\/aside>\n\t\t\t\t<h3 itemprop=\"headline\"><a href=\"https:\/\/www.psib-psoe.org\/mallorca\/els-socialistes-de-soller-recullen-les-propostes-dels-experts-per-palliar-la-manca-daigua-que-viu-el-municipi\/\" title=\"Els Socialistes de S\u00f3ller recullen les propostes dels experts per pal\u00b7liar la manca d\u2019aigua que viu el municipi\">Els Socialistes de S\u00f3ller recullen les propostes dels experts per pal\u00b7liar la manca d\u2019aigua que viu el municipi<\/a><\/h3>\n\t\t\t<\/header>\n\t\t<\/div>\n\t\t<div class=\"post-content\">\n\t\t\t<a href=\"https:\/\/www.psib-psoe.org\/mallorca\/els-socialistes-de-soller-recullen-les-propostes-dels-experts-per-palliar-la-manca-daigua-que-viu-el-municipi\/\" class=\"more-link\">Read More<\/a>\n\t\t<\/div>\n\t\t\t<aside class=\"post-bottom-meta hide\">\n\t\t<strong rel=\"author\" itemprop=\"author\" class=\"author vcard\"><span class=\"fn\">Marc<\/span><\/strong>\n\t\t<time class=\"date published time\" datetime=\"2025-10-20T15:54:33+02:00\" itemprop=\"datePublished\" content=\"2025-10-20T15:54:33+02:00\">20\/10\/2025<\/time>\n\t\t<meta itemprop=\"dateModified\" class=\"date updated\" content=\"2025-10-20T15:54:45+02:00\">\n\t\t<span class=\"hide\" itemprop=\"publisher\" itemscope itemtype=\"https:\/\/schema.org\/Organization\">\n\t\t\t<meta itemprop=\"name\" content=\"SocialistesdMca\">\n\t\t\t<span itemprop=\"logo\" itemscope itemtype=\"https:\/\/schema.org\/ImageObject\">\n\t\t\t\t<meta itemprop=\"url\" content=\"https:\/\/www.psib-psoe.org\/mallorca\/wp-content\/themes\/notio-wp\/assets\/img\/logo.png\">\n\t\t\t<\/span>\n\t\t\t<meta itemprop=\"url\" content=\"https:\/\/www.psib-psoe.org\/mallorca\/\">\n\t\t<\/span>\n\t\t\t\t<span class=\"hide\" itemprop=\"image\" itemscope itemtype=\"http:\/\/schema.org\/ImageObject\">\n\t\t\t<meta itemprop=\"url\" content=\"https:\/\/www.psib-psoe.org\/mallorca\/wp-content\/uploads\/201025_Foto-Soller-1.jpeg\">\n\t\t\t<meta itemprop=\"width\" content=\"2048\">\n\t\t\t<meta itemprop=\"height\" content=\"1536\">\n\t\t<\/span>\n\t\t\t\t<meta itemscope itemprop=\"mainEntityOfPage\" itemtype=\"https:\/\/schema.org\/WebPage\" itemid=\"https:\/\/www.psib-psoe.org\/mallorca\/els-socialistes-de-soller-recullen-les-propostes-dels-experts-per-palliar-la-manca-daigua-que-viu-el-municipi\/\">\n\t<\/aside>\n\t\t<\/article>\n<\/div>\n<div class=\"small-12 large-4 columns\">\n\t<article itemscope itemtype=\"http:\/\/schema.org\/Article\" class=\"post blog-style7 alt post-30499 type-post status-publish format-standard has-post-thumbnail hentry category-federacio-de-mallorca category-federacio-de-mallorca-portada category-municipis category-portada tag-agrupacio-socialista-dalcudia tag-agui-lobo tag-amanda-fernandez tag-barbara-rebassa tag-federacio-socialista-de-mallorca tag-joan-gaspar-vallori tag-omar-lamin\" role=\"article\">\n\t\t<figure class=\"post-gallery\"><img loading=\"lazy\" decoding=\"async\" width=\"600\" height=\"400\" src=\"https:\/\/www.psib-psoe.org\/mallorca\/wp-content\/uploads\/181025_Amanda-Fernandez-i-Manolo-Galan-600x400.jpeg\" class=\"attachment-notio-general-x2 size-notio-general-x2 wp-post-image\" alt=\"\" srcset=\"https:\/\/www.psib-psoe.org\/mallorca\/wp-content\/uploads\/181025_Amanda-Fernandez-i-Manolo-Galan-600x400.jpeg 600w, https:\/\/www.psib-psoe.org\/mallorca\/wp-content\/uploads\/181025_Amanda-Fernandez-i-Manolo-Galan-300x200.jpeg 300w, https:\/\/www.psib-psoe.org\/mallorca\/wp-content\/uploads\/181025_Amanda-Fernandez-i-Manolo-Galan-900x600.jpeg 900w, https:\/\/www.psib-psoe.org\/mallorca\/wp-content\/uploads\/181025_Amanda-Fernandez-i-Manolo-Galan-20x13.jpeg 20w\" sizes=\"(max-width: 600px) 100vw, 600px\" \/><\/figure>\n\t\t<div class=\"blog-top\">\n\t\t\t<header class=\"post-title entry-header\">\n\t\t\t\t<aside class=\"post-meta cf\">\n\t\t18\/10\/2025 \/ <a href=\"https:\/\/www.psib-psoe.org\/mallorca\/category\/federacio-de-mallorca\/\" rel=\"category tag\">Federaci\u00f3 de Mallorca<\/a>, <a href=\"https:\/\/www.psib-psoe.org\/mallorca\/category\/federacio-de-mallorca-portada\/\" rel=\"category tag\">Federaci\u00f3 de Mallorca - Portada<\/a>, <a href=\"https:\/\/www.psib-psoe.org\/mallorca\/category\/municipis\/\" rel=\"category tag\">Municipis<\/a>, <a href=\"https:\/\/www.psib-psoe.org\/mallorca\/category\/portada\/\" rel=\"category tag\">Portada<\/a><\/aside>\n\t\t\t\t<h3 itemprop=\"headline\"><a href=\"https:\/\/www.psib-psoe.org\/mallorca\/el-psib-psoe-demana-a-marga-prohens-que-prioritzi-el-tren-de-llevant-en-lloc-de-relegar-lo-sent-la-linia-mes-avancada-de-quantes-ha-promes-la-presidenta\/\" title=\"El PSIB-PSOE demana a Marga Prohens que prioritzi el tren de Llevant en lloc de relegar-lo, sent la l\u00ednia m\u00e9s avan\u00e7ada de quantes ha prom\u00e8s la presidenta\">El PSIB-PSOE demana a Marga Prohens que prioritzi el tren de Llevant en lloc de relegar-lo, sent la l\u00ednia m\u00e9s avan\u00e7ada de quantes ha prom\u00e8s la presidenta<\/a><\/h3>\n\t\t\t<\/header>\n\t\t<\/div>\n\t\t<div class=\"post-content\">\n\t\t\t<a href=\"https:\/\/www.psib-psoe.org\/mallorca\/el-psib-psoe-demana-a-marga-prohens-que-prioritzi-el-tren-de-llevant-en-lloc-de-relegar-lo-sent-la-linia-mes-avancada-de-quantes-ha-promes-la-presidenta\/\" class=\"more-link\">Read More<\/a>\n\t\t<\/div>\n\t\t\t<aside class=\"post-bottom-meta hide\">\n\t\t<strong rel=\"author\" itemprop=\"author\" class=\"author vcard\"><span class=\"fn\">Marc<\/span><\/strong>\n\t\t<time class=\"date published time\" datetime=\"2025-10-18T18:40:36+02:00\" itemprop=\"datePublished\" content=\"2025-10-18T18:40:36+02:00\">18\/10\/2025<\/time>\n\t\t<meta itemprop=\"dateModified\" class=\"date updated\" content=\"2025-10-18T18:40:47+02:00\">\n\t\t<span class=\"hide\" itemprop=\"publisher\" itemscope itemtype=\"https:\/\/schema.org\/Organization\">\n\t\t\t<meta itemprop=\"name\" content=\"SocialistesdMca\">\n\t\t\t<span itemprop=\"logo\" itemscope itemtype=\"https:\/\/schema.org\/ImageObject\">\n\t\t\t\t<meta itemprop=\"url\" content=\"https:\/\/www.psib-psoe.org\/mallorca\/wp-content\/themes\/notio-wp\/assets\/img\/logo.png\">\n\t\t\t<\/span>\n\t\t\t<meta itemprop=\"url\" content=\"https:\/\/www.psib-psoe.org\/mallorca\/\">\n\t\t<\/span>\n\t\t\t\t<span class=\"hide\" itemprop=\"image\" itemscope itemtype=\"http:\/\/schema.org\/ImageObject\">\n\t\t\t<meta itemprop=\"url\" content=\"https:\/\/www.psib-psoe.org\/mallorca\/wp-content\/uploads\/181025_Amanda-Fernandez-i-Manolo-Galan.jpeg\">\n\t\t\t<meta itemprop=\"width\" content=\"1170\">\n\t\t\t<meta itemprop=\"height\" content=\"2042\">\n\t\t<\/span>\n\t\t\t\t<meta itemscope itemprop=\"mainEntityOfPage\" itemtype=\"https:\/\/schema.org\/WebPage\" itemid=\"https:\/\/www.psib-psoe.org\/mallorca\/el-psib-psoe-demana-a-marga-prohens-que-prioritzi-el-tren-de-llevant-en-lloc-de-relegar-lo-sent-la-linia-mes-avancada-de-quantes-ha-promes-la-presidenta\/\">\n\t<\/aside>\n\t\t<\/article>\n<\/div>\n<div class=\"small-12 large-4 columns\">\n\t<article itemscope itemtype=\"http:\/\/schema.org\/Article\" class=\"post blog-style7 alt post-30493 type-post status-publish format-standard has-post-thumbnail hentry category-federacio-de-mallorca category-federacio-de-mallorca-portada category-municipis category-portada tag-agrupacio-socialista-dalcudia tag-agui-lobo tag-amanda-fernandez tag-barbara-rebassa tag-federacio-socialista-de-mallorca tag-joan-gaspar-vallori tag-omar-lamin\" role=\"article\">\n\t\t<figure class=\"post-gallery\"><img loading=\"lazy\" decoding=\"async\" width=\"600\" height=\"400\" src=\"https:\/\/www.psib-psoe.org\/mallorca\/wp-content\/uploads\/Agrupacio-Alcudia-2-600x400.jpg\" class=\"attachment-notio-general-x2 size-notio-general-x2 wp-post-image\" alt=\"\" srcset=\"https:\/\/www.psib-psoe.org\/mallorca\/wp-content\/uploads\/Agrupacio-Alcudia-2-600x400.jpg 600w, https:\/\/www.psib-psoe.org\/mallorca\/wp-content\/uploads\/Agrupacio-Alcudia-2-300x200.jpg 300w, https:\/\/www.psib-psoe.org\/mallorca\/wp-content\/uploads\/Agrupacio-Alcudia-2-20x13.jpg 20w\" sizes=\"(max-width: 600px) 100vw, 600px\" \/><\/figure>\n\t\t<div class=\"blog-top\">\n\t\t\t<header class=\"post-title entry-header\">\n\t\t\t\t<aside class=\"post-meta cf\">\n\t\t17\/10\/2025 \/ <a href=\"https:\/\/www.psib-psoe.org\/mallorca\/category\/federacio-de-mallorca\/\" rel=\"category tag\">Federaci\u00f3 de Mallorca<\/a>, <a href=\"https:\/\/www.psib-psoe.org\/mallorca\/category\/federacio-de-mallorca-portada\/\" rel=\"category tag\">Federaci\u00f3 de Mallorca - Portada<\/a>, <a href=\"https:\/\/www.psib-psoe.org\/mallorca\/category\/municipis\/\" rel=\"category tag\">Municipis<\/a>, <a href=\"https:\/\/www.psib-psoe.org\/mallorca\/category\/portada\/\" rel=\"category tag\">Portada<\/a><\/aside>\n\t\t\t\t<h3 itemprop=\"headline\"><a href=\"https:\/\/www.psib-psoe.org\/mallorca\/els-socialistes-dalcudia-critiquen-una-nova-modificacio-de-pressupost-municipal-que-incorpora-400-000-euros-per-festes-i-fires\/\" title=\"Els Socialistes d\u2019Alc\u00fadia critiquen una nova modificaci\u00f3 de pressupost\u00a0 municipal que incorpora 400.000 euros per festes i fires.\">Els Socialistes d\u2019Alc\u00fadia critiquen una nova modificaci\u00f3 de pressupost\u00a0 municipal que incorpora 400.000 euros per festes i fires.<\/a><\/h3>\n\t\t\t<\/header>\n\t\t<\/div>\n\t\t<div class=\"post-content\">\n\t\t\t<a href=\"https:\/\/www.psib-psoe.org\/mallorca\/els-socialistes-dalcudia-critiquen-una-nova-modificacio-de-pressupost-municipal-que-incorpora-400-000-euros-per-festes-i-fires\/\" class=\"more-link\">Read More<\/a>\n\t\t<\/div>\n\t\t\t<aside class=\"post-bottom-meta hide\">\n\t\t<strong rel=\"author\" itemprop=\"author\" class=\"author vcard\"><span class=\"fn\">Albert<\/span><\/strong>\n\t\t<time class=\"date published time\" datetime=\"2025-10-17T16:31:07+02:00\" itemprop=\"datePublished\" content=\"2025-10-17T16:31:07+02:00\">17\/10\/2025<\/time>\n\t\t<meta itemprop=\"dateModified\" class=\"date updated\" content=\"2025-10-17T16:31:19+02:00\">\n\t\t<span class=\"hide\" itemprop=\"publisher\" itemscope itemtype=\"https:\/\/schema.org\/Organization\">\n\t\t\t<meta itemprop=\"name\" content=\"SocialistesdMca\">\n\t\t\t<span itemprop=\"logo\" itemscope itemtype=\"https:\/\/schema.org\/ImageObject\">\n\t\t\t\t<meta itemprop=\"url\" content=\"https:\/\/www.psib-psoe.org\/mallorca\/wp-content\/themes\/notio-wp\/assets\/img\/logo.png\">\n\t\t\t<\/span>\n\t\t\t<meta itemprop=\"url\" content=\"https:\/\/www.psib-psoe.org\/mallorca\/\">\n\t\t<\/span>\n\t\t\t\t<span class=\"hide\" itemprop=\"image\" itemscope itemtype=\"http:\/\/schema.org\/ImageObject\">\n\t\t\t<meta itemprop=\"url\" content=\"https:\/\/www.psib-psoe.org\/mallorca\/wp-content\/uploads\/Agrupacio-Alcudia-2.jpg\">\n\t\t\t<meta itemprop=\"width\" content=\"768\">\n\t\t\t<meta itemprop=\"height\" content=\"605\">\n\t\t<\/span>\n\t\t\t\t<meta itemscope itemprop=\"mainEntityOfPage\" itemtype=\"https:\/\/schema.org\/WebPage\" itemid=\"https:\/\/www.psib-psoe.org\/mallorca\/els-socialistes-dalcudia-critiquen-una-nova-modificacio-de-pressupost-municipal-que-incorpora-400-000-euros-per-festes-i-fires\/\">\n\t<\/aside>\n\t\t<\/article>\n<\/div>\n<div class=\"small-12 large-4 columns\">\n\t<article itemscope itemtype=\"http:\/\/schema.org\/Article\" class=\"post blog-style7 alt post-30487 type-post status-publish format-standard has-post-thumbnail hentry category-consell-de-mallorca category-federacio-de-mallorca category-federacio-de-mallorca-portada category-municipis category-portada tag-amanda-fernandez tag-andreu-serra tag-bea-gamundi tag-catalina-cladera tag-consell-de-mallorca tag-daniel-oliveira tag-federacio-socialista-de-mallorca tag-joan-ferrer tag-jose-hila tag-juana-m-adrover tag-omar-lamin tag-patricia-gomez-2 tag-psib-psoe tag-silvana-gonzalez\" role=\"article\">\n\t\t<figure class=\"post-gallery\"><img loading=\"lazy\" decoding=\"async\" width=\"600\" height=\"400\" src=\"https:\/\/www.psib-psoe.org\/mallorca\/wp-content\/uploads\/EAPN-Dia-Pobresa-2-edited-600x400.jpeg\" class=\"attachment-notio-general-x2 size-notio-general-x2 wp-post-image\" alt=\"\" srcset=\"https:\/\/www.psib-psoe.org\/mallorca\/wp-content\/uploads\/EAPN-Dia-Pobresa-2-edited-600x400.jpeg 600w, https:\/\/www.psib-psoe.org\/mallorca\/wp-content\/uploads\/EAPN-Dia-Pobresa-2-edited-300x200.jpeg 300w, https:\/\/www.psib-psoe.org\/mallorca\/wp-content\/uploads\/EAPN-Dia-Pobresa-2-edited-900x600.jpeg 900w, https:\/\/www.psib-psoe.org\/mallorca\/wp-content\/uploads\/EAPN-Dia-Pobresa-2-edited-20x13.jpeg 20w\" sizes=\"(max-width: 600px) 100vw, 600px\" \/><\/figure>\n\t\t<div class=\"blog-top\">\n\t\t\t<header class=\"post-title entry-header\">\n\t\t\t\t<aside class=\"post-meta cf\">\n\t\t17\/10\/2025 \/ <a href=\"https:\/\/www.psib-psoe.org\/mallorca\/category\/consell-de-mallorca\/\" rel=\"category tag\">Consell de Mallorca<\/a>, <a href=\"https:\/\/www.psib-psoe.org\/mallorca\/category\/federacio-de-mallorca\/\" rel=\"category tag\">Federaci\u00f3 de Mallorca<\/a>, <a href=\"https:\/\/www.psib-psoe.org\/mallorca\/category\/federacio-de-mallorca-portada\/\" rel=\"category tag\">Federaci\u00f3 de Mallorca - Portada<\/a>, <a href=\"https:\/\/www.psib-psoe.org\/mallorca\/category\/municipis\/\" rel=\"category tag\">Municipis<\/a>, <a href=\"https:\/\/www.psib-psoe.org\/mallorca\/category\/portada\/\" rel=\"category tag\">Portada<\/a><\/aside>\n\t\t\t\t<h3 itemprop=\"headline\"><a href=\"https:\/\/www.psib-psoe.org\/mallorca\/el-psib-psoe-reclama-major-compromis-politic-per-combatre-la-desigualtat-i-en-favor-de-la-justicia-social-en-el-dia-internacional-per-a-la-erradicacio-de-la-pobresa\/\" title=\"El PSIB-PSOE reclama major comprom\u00eds pol\u00edtic per combatre la desigualtat i en favor de la just\u00edcia social en el Dia Internacional per a la erradicaci\u00f3 de la pobresa.\">El PSIB-PSOE reclama major comprom\u00eds pol\u00edtic per combatre la desigualtat i en favor de la just\u00edcia social en el Dia Internacional per a la erradicaci\u00f3 de la pobresa.<\/a><\/h3>\n\t\t\t<\/header>\n\t\t<\/div>\n\t\t<div class=\"post-content\">\n\t\t\t<a href=\"https:\/\/www.psib-psoe.org\/mallorca\/el-psib-psoe-reclama-major-compromis-politic-per-combatre-la-desigualtat-i-en-favor-de-la-justicia-social-en-el-dia-internacional-per-a-la-erradicacio-de-la-pobresa\/\" class=\"more-link\">Read More<\/a>\n\t\t<\/div>\n\t\t\t<aside class=\"post-bottom-meta hide\">\n\t\t<strong rel=\"author\" itemprop=\"author\" class=\"author vcard\"><span class=\"fn\">Albert<\/span><\/strong>\n\t\t<time class=\"date published time\" datetime=\"2025-10-17T14:30:37+02:00\" itemprop=\"datePublished\" content=\"2025-10-17T14:30:37+02:00\">17\/10\/2025<\/time>\n\t\t<meta itemprop=\"dateModified\" class=\"date updated\" content=\"2025-10-17T14:30:48+02:00\">\n\t\t<span class=\"hide\" itemprop=\"publisher\" itemscope itemtype=\"https:\/\/schema.org\/Organization\">\n\t\t\t<meta itemprop=\"name\" content=\"SocialistesdMca\">\n\t\t\t<span itemprop=\"logo\" itemscope itemtype=\"https:\/\/schema.org\/ImageObject\">\n\t\t\t\t<meta itemprop=\"url\" content=\"https:\/\/www.psib-psoe.org\/mallorca\/wp-content\/themes\/notio-wp\/assets\/img\/logo.png\">\n\t\t\t<\/span>\n\t\t\t<meta itemprop=\"url\" content=\"https:\/\/www.psib-psoe.org\/mallorca\/\">\n\t\t<\/span>\n\t\t\t\t<span class=\"hide\" itemprop=\"image\" itemscope itemtype=\"http:\/\/schema.org\/ImageObject\">\n\t\t\t<meta itemprop=\"url\" content=\"https:\/\/www.psib-psoe.org\/mallorca\/wp-content\/uploads\/EAPN-Dia-Pobresa-2-edited.jpeg\">\n\t\t\t<meta itemprop=\"width\" content=\"2274\">\n\t\t\t<meta itemprop=\"height\" content=\"2274\">\n\t\t<\/span>\n\t\t\t\t<meta itemscope itemprop=\"mainEntityOfPage\" itemtype=\"https:\/\/schema.org\/WebPage\" itemid=\"https:\/\/www.psib-psoe.org\/mallorca\/el-psib-psoe-reclama-major-compromis-politic-per-combatre-la-desigualtat-i-en-favor-de-la-justicia-social-en-el-dia-internacional-per-a-la-erradicacio-de-la-pobresa\/\">\n\t<\/aside>\n\t\t<\/article>\n<\/div>\n<div class=\"small-12 large-4 columns\">\n\t<article itemscope itemtype=\"http:\/\/schema.org\/Article\" class=\"post blog-style7 alt post-30482 type-post status-publish format-standard has-post-thumbnail hentry category-consell-de-mallorca category-federacio-de-mallorca category-federacio-de-mallorca-portada category-municipis category-portada tag-amanda-fernandez tag-bea-gamundi tag-catalina-cladera tag-consell-de-mallorca tag-joan-mendez-2 tag-paquita-campins tag-psib-psoe tag-xisco-dalmau\" role=\"article\">\n\t\t<figure class=\"post-gallery\"><img loading=\"lazy\" decoding=\"async\" width=\"600\" height=\"400\" src=\"https:\/\/www.psib-psoe.org\/mallorca\/wp-content\/uploads\/Gamundi-Campins-Lloseta-600x400.jpeg\" class=\"attachment-notio-general-x2 size-notio-general-x2 wp-post-image\" alt=\"\" srcset=\"https:\/\/www.psib-psoe.org\/mallorca\/wp-content\/uploads\/Gamundi-Campins-Lloseta-600x400.jpeg 600w, https:\/\/www.psib-psoe.org\/mallorca\/wp-content\/uploads\/Gamundi-Campins-Lloseta-300x200.jpeg 300w, https:\/\/www.psib-psoe.org\/mallorca\/wp-content\/uploads\/Gamundi-Campins-Lloseta-900x600.jpeg 900w, https:\/\/www.psib-psoe.org\/mallorca\/wp-content\/uploads\/Gamundi-Campins-Lloseta-20x13.jpeg 20w\" sizes=\"(max-width: 600px) 100vw, 600px\" \/><\/figure>\n\t\t<div class=\"blog-top\">\n\t\t\t<header class=\"post-title entry-header\">\n\t\t\t\t<aside class=\"post-meta cf\">\n\t\t16\/10\/2025 \/ <a href=\"https:\/\/www.psib-psoe.org\/mallorca\/category\/consell-de-mallorca\/\" rel=\"category tag\">Consell de Mallorca<\/a>, <a href=\"https:\/\/www.psib-psoe.org\/mallorca\/category\/federacio-de-mallorca\/\" rel=\"category tag\">Federaci\u00f3 de Mallorca<\/a>, <a href=\"https:\/\/www.psib-psoe.org\/mallorca\/category\/federacio-de-mallorca-portada\/\" rel=\"category tag\">Federaci\u00f3 de Mallorca - Portada<\/a>, <a href=\"https:\/\/www.psib-psoe.org\/mallorca\/category\/municipis\/\" rel=\"category tag\">Municipis<\/a>, <a href=\"https:\/\/www.psib-psoe.org\/mallorca\/category\/portada\/\" rel=\"category tag\">Portada<\/a><\/aside>\n\t\t\t\t<h3 itemprop=\"headline\"><a href=\"https:\/\/www.psib-psoe.org\/mallorca\/els-socialistes-de-mallorca-denuncien-el-caos-del-consell-de-mallorca-en-el-tramit-de-les-subvencions-culturals-als-municipis\/\" title=\"Els Socialistes de Mallorca denuncien el caos del Consell de Mallorca en el tr\u00e0mit de les subvencions culturals als municipis.\">Els Socialistes de Mallorca denuncien el caos del Consell de Mallorca en el tr\u00e0mit de les subvencions culturals als municipis.<\/a><\/h3>\n\t\t\t<\/header>\n\t\t<\/div>\n\t\t<div class=\"post-content\">\n\t\t\t<a href=\"https:\/\/www.psib-psoe.org\/mallorca\/els-socialistes-de-mallorca-denuncien-el-caos-del-consell-de-mallorca-en-el-tramit-de-les-subvencions-culturals-als-municipis\/\" class=\"more-link\">Read More<\/a>\n\t\t<\/div>\n\t\t\t<aside class=\"post-bottom-meta hide\">\n\t\t<strong rel=\"author\" itemprop=\"author\" class=\"author vcard\"><span class=\"fn\">Albert<\/span><\/strong>\n\t\t<time class=\"date published time\" datetime=\"2025-10-16T11:48:39+02:00\" itemprop=\"datePublished\" content=\"2025-10-16T11:48:39+02:00\">16\/10\/2025<\/time>\n\t\t<meta itemprop=\"dateModified\" class=\"date updated\" content=\"2025-10-16T11:48:50+02:00\">\n\t\t<span class=\"hide\" itemprop=\"publisher\" itemscope itemtype=\"https:\/\/schema.org\/Organization\">\n\t\t\t<meta itemprop=\"name\" content=\"SocialistesdMca\">\n\t\t\t<span itemprop=\"logo\" itemscope itemtype=\"https:\/\/schema.org\/ImageObject\">\n\t\t\t\t<meta itemprop=\"url\" content=\"https:\/\/www.psib-psoe.org\/mallorca\/wp-content\/themes\/notio-wp\/assets\/img\/logo.png\">\n\t\t\t<\/span>\n\t\t\t<meta itemprop=\"url\" content=\"https:\/\/www.psib-psoe.org\/mallorca\/\">\n\t\t<\/span>\n\t\t\t\t<span class=\"hide\" itemprop=\"image\" itemscope itemtype=\"http:\/\/schema.org\/ImageObject\">\n\t\t\t<meta itemprop=\"url\" content=\"https:\/\/www.psib-psoe.org\/mallorca\/wp-content\/uploads\/Gamundi-Campins-Lloseta.jpeg\">\n\t\t\t<meta itemprop=\"width\" content=\"2560\">\n\t\t\t<meta itemprop=\"height\" content=\"1920\">\n\t\t<\/span>\n\t\t\t\t<meta itemscope itemprop=\"mainEntityOfPage\" itemtype=\"https:\/\/schema.org\/WebPage\" itemid=\"https:\/\/www.psib-psoe.org\/mallorca\/els-socialistes-de-mallorca-denuncien-el-caos-del-consell-de-mallorca-en-el-tramit-de-les-subvencions-culturals-als-municipis\/\">\n\t<\/aside>\n\t\t<\/article>\n<\/div>\n<div class=\"small-12 large-4 columns\">\n\t<article itemscope itemtype=\"http:\/\/schema.org\/Article\" class=\"post blog-style7 alt post-30480 type-post status-publish format-standard has-post-thumbnail hentry category-federacio-de-mallorca category-federacio-de-mallorca-portada category-municipis category-portada tag-jaume-mateu tag-psib-psoe tag-soller-2\" role=\"article\">\n\t\t<figure class=\"post-gallery\"><img loading=\"lazy\" decoding=\"async\" width=\"600\" height=\"400\" src=\"https:\/\/www.psib-psoe.org\/mallorca\/wp-content\/uploads\/250320-Executiva-Jaume-Mateu-1-600x400.jpg\" class=\"attachment-notio-general-x2 size-notio-general-x2 wp-post-image\" alt=\"\" srcset=\"https:\/\/www.psib-psoe.org\/mallorca\/wp-content\/uploads\/250320-Executiva-Jaume-Mateu-1-600x400.jpg 600w, https:\/\/www.psib-psoe.org\/mallorca\/wp-content\/uploads\/250320-Executiva-Jaume-Mateu-1-300x200.jpg 300w, https:\/\/www.psib-psoe.org\/mallorca\/wp-content\/uploads\/250320-Executiva-Jaume-Mateu-1-1024x683.jpg 1024w, https:\/\/www.psib-psoe.org\/mallorca\/wp-content\/uploads\/250320-Executiva-Jaume-Mateu-1-768x512.jpg 768w, https:\/\/www.psib-psoe.org\/mallorca\/wp-content\/uploads\/250320-Executiva-Jaume-Mateu-1-1536x1024.jpg 1536w, https:\/\/www.psib-psoe.org\/mallorca\/wp-content\/uploads\/250320-Executiva-Jaume-Mateu-1-2048x1365.jpg 2048w, https:\/\/www.psib-psoe.org\/mallorca\/wp-content\/uploads\/250320-Executiva-Jaume-Mateu-1-150x100.jpg 150w, https:\/\/www.psib-psoe.org\/mallorca\/wp-content\/uploads\/250320-Executiva-Jaume-Mateu-1-900x600.jpg 900w, https:\/\/www.psib-psoe.org\/mallorca\/wp-content\/uploads\/250320-Executiva-Jaume-Mateu-1-20x13.jpg 20w\" sizes=\"(max-width: 600px) 100vw, 600px\" \/><\/figure>\n\t\t<div class=\"blog-top\">\n\t\t\t<header class=\"post-title entry-header\">\n\t\t\t\t<aside class=\"post-meta cf\">\n\t\t15\/10\/2025 \/ <a href=\"https:\/\/www.psib-psoe.org\/mallorca\/category\/federacio-de-mallorca\/\" rel=\"category tag\">Federaci\u00f3 de Mallorca<\/a>, <a href=\"https:\/\/www.psib-psoe.org\/mallorca\/category\/federacio-de-mallorca-portada\/\" rel=\"category tag\">Federaci\u00f3 de Mallorca - Portada<\/a>, <a href=\"https:\/\/www.psib-psoe.org\/mallorca\/category\/municipis\/\" rel=\"category tag\">Municipis<\/a>, <a href=\"https:\/\/www.psib-psoe.org\/mallorca\/category\/portada\/\" rel=\"category tag\">Portada<\/a><\/aside>\n\t\t\t\t<h3 itemprop=\"headline\"><a href=\"https:\/\/www.psib-psoe.org\/mallorca\/els-socialistes-de-soller-lamenten-la-manca-de-previsio-en-el-tancament-nocturn-del-tunel\/\" title=\"Els Socialistes de S\u00f3ller lamenten la manca de previsi\u00f3 en el tancament nocturn del t\u00fanel\">Els Socialistes de S\u00f3ller lamenten la manca de previsi\u00f3 en el tancament nocturn del t\u00fanel<\/a><\/h3>\n\t\t\t<\/header>\n\t\t<\/div>\n\t\t<div class=\"post-content\">\n\t\t\t<a href=\"https:\/\/www.psib-psoe.org\/mallorca\/els-socialistes-de-soller-lamenten-la-manca-de-previsio-en-el-tancament-nocturn-del-tunel\/\" class=\"more-link\">Read More<\/a>\n\t\t<\/div>\n\t\t\t<aside class=\"post-bottom-meta hide\">\n\t\t<strong rel=\"author\" itemprop=\"author\" class=\"author vcard\"><span class=\"fn\">Marc<\/span><\/strong>\n\t\t<time class=\"date published time\" datetime=\"2025-10-15T19:19:58+02:00\" itemprop=\"datePublished\" content=\"2025-10-15T19:19:58+02:00\">15\/10\/2025<\/time>\n\t\t<meta itemprop=\"dateModified\" class=\"date updated\" content=\"2025-10-15T19:20:10+02:00\">\n\t\t<span class=\"hide\" itemprop=\"publisher\" itemscope itemtype=\"https:\/\/schema.org\/Organization\">\n\t\t\t<meta itemprop=\"name\" content=\"SocialistesdMca\">\n\t\t\t<span itemprop=\"logo\" itemscope itemtype=\"https:\/\/schema.org\/ImageObject\">\n\t\t\t\t<meta itemprop=\"url\" content=\"https:\/\/www.psib-psoe.org\/mallorca\/wp-content\/themes\/notio-wp\/assets\/img\/logo.png\">\n\t\t\t<\/span>\n\t\t\t<meta itemprop=\"url\" content=\"https:\/\/www.psib-psoe.org\/mallorca\/\">\n\t\t<\/span>\n\t\t\t\t<span class=\"hide\" itemprop=\"image\" itemscope itemtype=\"http:\/\/schema.org\/ImageObject\">\n\t\t\t<meta itemprop=\"url\" content=\"https:\/\/www.psib-psoe.org\/mallorca\/wp-content\/uploads\/250320-Executiva-Jaume-Mateu-1-scaled.jpg\">\n\t\t\t<meta itemprop=\"width\" content=\"2560\">\n\t\t\t<meta itemprop=\"height\" content=\"1707\">\n\t\t<\/span>\n\t\t\t\t<meta itemscope itemprop=\"mainEntityOfPage\" itemtype=\"https:\/\/schema.org\/WebPage\" itemid=\"https:\/\/www.psib-psoe.org\/mallorca\/els-socialistes-de-soller-lamenten-la-manca-de-previsio-en-el-tancament-nocturn-del-tunel\/\">\n\t<\/aside>\n\t\t<\/article>\n<\/div>\n<div class=\"small-12 large-4 columns\">\n\t<article itemscope itemtype=\"http:\/\/schema.org\/Article\" class=\"post blog-style7 alt post-30477 type-post status-publish format-standard has-post-thumbnail hentry category-consell-de-mallorca category-federacio-de-mallorca category-federacio-de-mallorca-portada category-municipis category-portada tag-cosme-bonet tag-pere-joan-pons tag-psib-psoe tag-senat\" role=\"article\">\n\t\t<figure class=\"post-gallery\"><img loading=\"lazy\" decoding=\"async\" width=\"600\" height=\"400\" src=\"https:\/\/www.psib-psoe.org\/mallorca\/wp-content\/uploads\/PJ-Pons-Senat-600x400.jpeg\" class=\"attachment-notio-general-x2 size-notio-general-x2 wp-post-image\" alt=\"\" srcset=\"https:\/\/www.psib-psoe.org\/mallorca\/wp-content\/uploads\/PJ-Pons-Senat-600x400.jpeg 600w, https:\/\/www.psib-psoe.org\/mallorca\/wp-content\/uploads\/PJ-Pons-Senat-300x200.jpeg 300w, https:\/\/www.psib-psoe.org\/mallorca\/wp-content\/uploads\/PJ-Pons-Senat-20x13.jpeg 20w, https:\/\/www.psib-psoe.org\/mallorca\/wp-content\/uploads\/PJ-Pons-Senat-900x600.jpeg 900w\" sizes=\"(max-width: 600px) 100vw, 600px\" \/><\/figure>\n\t\t<div class=\"blog-top\">\n\t\t\t<header class=\"post-title entry-header\">\n\t\t\t\t<aside class=\"post-meta cf\">\n\t\t14\/10\/2025 \/ <a href=\"https:\/\/www.psib-psoe.org\/mallorca\/category\/consell-de-mallorca\/\" rel=\"category tag\">Consell de Mallorca<\/a>, <a href=\"https:\/\/www.psib-psoe.org\/mallorca\/category\/federacio-de-mallorca\/\" rel=\"category tag\">Federaci\u00f3 de Mallorca<\/a>, <a href=\"https:\/\/www.psib-psoe.org\/mallorca\/category\/federacio-de-mallorca-portada\/\" rel=\"category tag\">Federaci\u00f3 de Mallorca - Portada<\/a>, <a href=\"https:\/\/www.psib-psoe.org\/mallorca\/category\/municipis\/\" rel=\"category tag\">Municipis<\/a>, <a href=\"https:\/\/www.psib-psoe.org\/mallorca\/category\/portada\/\" rel=\"category tag\">Portada<\/a><\/aside>\n\t\t\t\t<h3 itemprop=\"headline\"><a href=\"https:\/\/www.psib-psoe.org\/mallorca\/el-pp-soposa-al-senat-a-que-balears-recuperi-mes-de-1-600-milions-deuros-de-recursos-amb-la-condonacio-del-deute-que-proposa-lestat\/\" title=\"El PP s\u2019oposa al Senat a qu\u00e8 Balears recuperi m\u00e9s de 1.600 milions d\u2019euros de recursos amb la condonaci\u00f3 del deute que proposa l\u2019Estat.\">El PP s\u2019oposa al Senat a qu\u00e8 Balears recuperi m\u00e9s de 1.600 milions d\u2019euros de recursos amb la condonaci\u00f3 del deute que proposa l\u2019Estat.<\/a><\/h3>\n\t\t\t<\/header>\n\t\t<\/div>\n\t\t<div class=\"post-content\">\n\t\t\t<a href=\"https:\/\/www.psib-psoe.org\/mallorca\/el-pp-soposa-al-senat-a-que-balears-recuperi-mes-de-1-600-milions-deuros-de-recursos-amb-la-condonacio-del-deute-que-proposa-lestat\/\" class=\"more-link\">Read More<\/a>\n\t\t<\/div>\n\t\t\t<aside class=\"post-bottom-meta hide\">\n\t\t<strong rel=\"author\" itemprop=\"author\" class=\"author vcard\"><span class=\"fn\">Albert<\/span><\/strong>\n\t\t<time class=\"date published time\" datetime=\"2025-10-14T16:24:54+02:00\" itemprop=\"datePublished\" content=\"2025-10-14T16:24:54+02:00\">14\/10\/2025<\/time>\n\t\t<meta itemprop=\"dateModified\" class=\"date updated\" content=\"2025-10-14T16:25:06+02:00\">\n\t\t<span class=\"hide\" itemprop=\"publisher\" itemscope itemtype=\"https:\/\/schema.org\/Organization\">\n\t\t\t<meta itemprop=\"name\" content=\"SocialistesdMca\">\n\t\t\t<span itemprop=\"logo\" itemscope itemtype=\"https:\/\/schema.org\/ImageObject\">\n\t\t\t\t<meta itemprop=\"url\" content=\"https:\/\/www.psib-psoe.org\/mallorca\/wp-content\/themes\/notio-wp\/assets\/img\/logo.png\">\n\t\t\t<\/span>\n\t\t\t<meta itemprop=\"url\" content=\"https:\/\/www.psib-psoe.org\/mallorca\/\">\n\t\t<\/span>\n\t\t\t\t<span class=\"hide\" itemprop=\"image\" itemscope itemtype=\"http:\/\/schema.org\/ImageObject\">\n\t\t\t<meta itemprop=\"url\" content=\"https:\/\/www.psib-psoe.org\/mallorca\/wp-content\/uploads\/PJ-Pons-Senat.jpeg\">\n\t\t\t<meta itemprop=\"width\" content=\"2560\">\n\t\t\t<meta itemprop=\"height\" content=\"1594\">\n\t\t<\/span>\n\t\t\t\t<meta itemscope itemprop=\"mainEntityOfPage\" itemtype=\"https:\/\/schema.org\/WebPage\" itemid=\"https:\/\/www.psib-psoe.org\/mallorca\/el-pp-soposa-al-senat-a-que-balears-recuperi-mes-de-1-600-milions-deuros-de-recursos-amb-la-condonacio-del-deute-que-proposa-lestat\/\">\n\t<\/aside>\n\t\t<\/article>\n<\/div>\n<div class=\"small-12 large-4 columns\">\n\t<article itemscope itemtype=\"http:\/\/schema.org\/Article\" class=\"post blog-style7 alt post-30474 type-post status-publish format-standard has-post-thumbnail hentry category-consell-de-mallorca category-federacio-de-mallorca category-federacio-de-mallorca-portada category-municipis category-portada tag-amanda-fernandez tag-andreu-serra tag-bea-gamundi tag-biel-alomar tag-catalina-cladera tag-consell-de-mallorca tag-federacio-socialista-de-mallorca tag-jaume-mateu tag-joan-ferrer tag-joan-mendez-2 tag-juana-m-adrover tag-mallorca tag-psib-psoe tag-sofia-alonso\" role=\"article\">\n\t\t<figure class=\"post-gallery\"><img loading=\"lazy\" decoding=\"async\" width=\"600\" height=\"400\" src=\"https:\/\/www.psib-psoe.org\/mallorca\/wp-content\/uploads\/141025_-Foto-Arxiu-ENDAVANT-600x400.jpeg\" class=\"attachment-notio-general-x2 size-notio-general-x2 wp-post-image\" alt=\"\" srcset=\"https:\/\/www.psib-psoe.org\/mallorca\/wp-content\/uploads\/141025_-Foto-Arxiu-ENDAVANT-600x400.jpeg 600w, https:\/\/www.psib-psoe.org\/mallorca\/wp-content\/uploads\/141025_-Foto-Arxiu-ENDAVANT-300x200.jpeg 300w, https:\/\/www.psib-psoe.org\/mallorca\/wp-content\/uploads\/141025_-Foto-Arxiu-ENDAVANT-900x600.jpeg 900w, https:\/\/www.psib-psoe.org\/mallorca\/wp-content\/uploads\/141025_-Foto-Arxiu-ENDAVANT-20x13.jpeg 20w\" sizes=\"(max-width: 600px) 100vw, 600px\" \/><\/figure>\n\t\t<div class=\"blog-top\">\n\t\t\t<header class=\"post-title entry-header\">\n\t\t\t\t<aside class=\"post-meta cf\">\n\t\t14\/10\/2025 \/ <a href=\"https:\/\/www.psib-psoe.org\/mallorca\/category\/consell-de-mallorca\/\" rel=\"category tag\">Consell de Mallorca<\/a>, <a href=\"https:\/\/www.psib-psoe.org\/mallorca\/category\/federacio-de-mallorca\/\" rel=\"category tag\">Federaci\u00f3 de Mallorca<\/a>, <a href=\"https:\/\/www.psib-psoe.org\/mallorca\/category\/federacio-de-mallorca-portada\/\" rel=\"category tag\">Federaci\u00f3 de Mallorca - Portada<\/a>, <a href=\"https:\/\/www.psib-psoe.org\/mallorca\/category\/municipis\/\" rel=\"category tag\">Municipis<\/a>, <a href=\"https:\/\/www.psib-psoe.org\/mallorca\/category\/portada\/\" rel=\"category tag\">Portada<\/a><\/aside>\n\t\t\t\t<h3 itemprop=\"headline\"><a href=\"https:\/\/www.psib-psoe.org\/mallorca\/el-ple-de-ses-salines-aprova-per-unanimitat-una-mocio-dendavant-perque-lajuntament-assumeixi-les-despeses-derivades-del-mal-estat-del-cementeri-municipal\/\" title=\"El Ple de Ses Salines aprova per unanimitat una moci\u00f3 d\u2019Endavant perqu\u00e8 l\u2019Ajuntament assumeixi les despeses derivades del mal estat del cementeri municipal\">El Ple de Ses Salines aprova per unanimitat una moci\u00f3 d\u2019Endavant perqu\u00e8 l\u2019Ajuntament assumeixi les despeses derivades del mal estat del cementeri municipal<\/a><\/h3>\n\t\t\t<\/header>\n\t\t<\/div>\n\t\t<div class=\"post-content\">\n\t\t\t<a href=\"https:\/\/www.psib-psoe.org\/mallorca\/el-ple-de-ses-salines-aprova-per-unanimitat-una-mocio-dendavant-perque-lajuntament-assumeixi-les-despeses-derivades-del-mal-estat-del-cementeri-municipal\/\" class=\"more-link\">Read More<\/a>\n\t\t<\/div>\n\t\t\t<aside class=\"post-bottom-meta hide\">\n\t\t<strong rel=\"author\" itemprop=\"author\" class=\"author vcard\"><span class=\"fn\">Marc<\/span><\/strong>\n\t\t<time class=\"date published time\" datetime=\"2025-10-14T15:43:04+02:00\" itemprop=\"datePublished\" content=\"2025-10-14T15:43:04+02:00\">14\/10\/2025<\/time>\n\t\t<meta itemprop=\"dateModified\" class=\"date updated\" content=\"2025-10-14T15:43:16+02:00\">\n\t\t<span class=\"hide\" itemprop=\"publisher\" itemscope itemtype=\"https:\/\/schema.org\/Organization\">\n\t\t\t<meta itemprop=\"name\" content=\"SocialistesdMca\">\n\t\t\t<span itemprop=\"logo\" itemscope itemtype=\"https:\/\/schema.org\/ImageObject\">\n\t\t\t\t<meta itemprop=\"url\" content=\"https:\/\/www.psib-psoe.org\/mallorca\/wp-content\/themes\/notio-wp\/assets\/img\/logo.png\">\n\t\t\t<\/span>\n\t\t\t<meta itemprop=\"url\" content=\"https:\/\/www.psib-psoe.org\/mallorca\/\">\n\t\t<\/span>\n\t\t\t\t<span class=\"hide\" itemprop=\"image\" itemscope itemtype=\"http:\/\/schema.org\/ImageObject\">\n\t\t\t<meta itemprop=\"url\" content=\"https:\/\/www.psib-psoe.org\/mallorca\/wp-content\/uploads\/141025_-Foto-Arxiu-ENDAVANT.jpeg\">\n\t\t\t<meta itemprop=\"width\" content=\"1600\">\n\t\t\t<meta itemprop=\"height\" content=\"1200\">\n\t\t<\/span>\n\t\t\t\t<meta itemscope itemprop=\"mainEntityOfPage\" itemtype=\"https:\/\/schema.org\/WebPage\" itemid=\"https:\/\/www.psib-psoe.org\/mallorca\/el-ple-de-ses-salines-aprova-per-unanimitat-una-mocio-dendavant-perque-lajuntament-assumeixi-les-despeses-derivades-del-mal-estat-del-cementeri-municipal\/\">\n\t<\/aside>\n\t\t<\/article>\n<\/div>\n<div class=\"small-12 large-4 columns\">\n\t<article itemscope itemtype=\"http:\/\/schema.org\/Article\" class=\"post blog-style7 alt post-30470 type-post status-publish format-standard has-post-thumbnail hentry category-consell-de-mallorca category-federacio-de-mallorca category-federacio-de-mallorca-portada category-municipis category-portada tag-amanda-fernandez tag-andreu-serra tag-bea-gamundi tag-biel-alomar tag-catalina-cladera tag-consell-de-mallorca tag-federacio-socialista-de-mallorca tag-jaume-mateu tag-joan-ferrer tag-joan-mendez-2 tag-juana-m-adrover tag-mallorca tag-psib-psoe tag-sofia-alonso\" role=\"article\">\n\t\t<figure class=\"post-gallery\"><img loading=\"lazy\" decoding=\"async\" width=\"600\" height=\"400\" src=\"https:\/\/www.psib-psoe.org\/mallorca\/wp-content\/uploads\/Cladera-declaracions-230925-600x400.jpeg\" class=\"attachment-notio-general-x2 size-notio-general-x2 wp-post-image\" alt=\"\" srcset=\"https:\/\/www.psib-psoe.org\/mallorca\/wp-content\/uploads\/Cladera-declaracions-230925-600x400.jpeg 600w, https:\/\/www.psib-psoe.org\/mallorca\/wp-content\/uploads\/Cladera-declaracions-230925-300x200.jpeg 300w, https:\/\/www.psib-psoe.org\/mallorca\/wp-content\/uploads\/Cladera-declaracions-230925-900x600.jpeg 900w, https:\/\/www.psib-psoe.org\/mallorca\/wp-content\/uploads\/Cladera-declaracions-230925-20x13.jpeg 20w\" sizes=\"(max-width: 600px) 100vw, 600px\" \/><\/figure>\n\t\t<div class=\"blog-top\">\n\t\t\t<header class=\"post-title entry-header\">\n\t\t\t\t<aside class=\"post-meta cf\">\n\t\t13\/10\/2025 \/ <a href=\"https:\/\/www.psib-psoe.org\/mallorca\/category\/consell-de-mallorca\/\" rel=\"category tag\">Consell de Mallorca<\/a>, <a href=\"https:\/\/www.psib-psoe.org\/mallorca\/category\/federacio-de-mallorca\/\" rel=\"category tag\">Federaci\u00f3 de Mallorca<\/a>, <a href=\"https:\/\/www.psib-psoe.org\/mallorca\/category\/federacio-de-mallorca-portada\/\" rel=\"category tag\">Federaci\u00f3 de Mallorca - Portada<\/a>, <a href=\"https:\/\/www.psib-psoe.org\/mallorca\/category\/municipis\/\" rel=\"category tag\">Municipis<\/a>, <a href=\"https:\/\/www.psib-psoe.org\/mallorca\/category\/portada\/\" rel=\"category tag\">Portada<\/a><\/aside>\n\t\t\t\t<h3 itemprop=\"headline\"><a href=\"https:\/\/www.psib-psoe.org\/mallorca\/el-grup-socialista-exigeix-la-convocatoria-dun-ple-extraordinari-del-consell-per-forcar-el-conseller-de-turisme-a-donar-comptes-de-la-seva-gestio\/\" title=\"El Grup Socialista exigeix la convocat\u00f2ria d\u2019un ple extraordinari del Consell per for\u00e7ar el conseller de Turisme a donar comptes de la seva gesti\u00f3.\">El Grup Socialista exigeix la convocat\u00f2ria d\u2019un ple extraordinari del Consell per for\u00e7ar el conseller de Turisme a donar comptes de la seva gesti\u00f3.<\/a><\/h3>\n\t\t\t<\/header>\n\t\t<\/div>\n\t\t<div class=\"post-content\">\n\t\t\t<a href=\"https:\/\/www.psib-psoe.org\/mallorca\/el-grup-socialista-exigeix-la-convocatoria-dun-ple-extraordinari-del-consell-per-forcar-el-conseller-de-turisme-a-donar-comptes-de-la-seva-gestio\/\" class=\"more-link\">Read More<\/a>\n\t\t<\/div>\n\t\t\t<aside class=\"post-bottom-meta hide\">\n\t\t<strong rel=\"author\" itemprop=\"author\" class=\"author vcard\"><span class=\"fn\">Albert<\/span><\/strong>\n\t\t<time class=\"date published time\" datetime=\"2025-10-13T13:10:49+02:00\" itemprop=\"datePublished\" content=\"2025-10-13T13:10:49+02:00\">13\/10\/2025<\/time>\n\t\t<meta itemprop=\"dateModified\" class=\"date updated\" content=\"2025-10-13T13:11:01+02:00\">\n\t\t<span class=\"hide\" itemprop=\"publisher\" itemscope itemtype=\"https:\/\/schema.org\/Organization\">\n\t\t\t<meta itemprop=\"name\" content=\"SocialistesdMca\">\n\t\t\t<span itemprop=\"logo\" itemscope itemtype=\"https:\/\/schema.org\/ImageObject\">\n\t\t\t\t<meta itemprop=\"url\" content=\"https:\/\/www.psib-psoe.org\/mallorca\/wp-content\/themes\/notio-wp\/assets\/img\/logo.png\">\n\t\t\t<\/span>\n\t\t\t<meta itemprop=\"url\" content=\"https:\/\/www.psib-psoe.org\/mallorca\/\">\n\t\t<\/span>\n\t\t\t\t<span class=\"hide\" itemprop=\"image\" itemscope itemtype=\"http:\/\/schema.org\/ImageObject\">\n\t\t\t<meta itemprop=\"url\" content=\"https:\/\/www.psib-psoe.org\/mallorca\/wp-content\/uploads\/Cladera-declaracions-230925-scaled.jpeg\">\n\t\t\t<meta itemprop=\"width\" content=\"2560\">\n\t\t\t<meta itemprop=\"height\" content=\"1920\">\n\t\t<\/span>\n\t\t\t\t<meta itemscope itemprop=\"mainEntityOfPage\" itemtype=\"https:\/\/schema.org\/WebPage\" itemid=\"https:\/\/www.psib-psoe.org\/mallorca\/el-grup-socialista-exigeix-la-convocatoria-dun-ple-extraordinari-del-consell-per-forcar-el-conseller-de-turisme-a-donar-comptes-de-la-seva-gestio\/\">\n\t<\/aside>\n\t\t<\/article>\n<\/div>\n<div class=\"small-12 large-4 columns\">\n\t<article itemscope itemtype=\"http:\/\/schema.org\/Article\" class=\"post blog-style7 alt post-30464 type-post status-publish format-standard has-post-thumbnail hentry category-federacio-de-mallorca category-federacio-de-mallorca-portada category-municipis category-portada tag-agrupacio-socialista-de-manacor tag-amanda-fernandez tag-federacio-socialista-de-mallorca tag-manacor tag-nuria-hinojosa tag-patricia-gomez-2 tag-psib-psoe\" role=\"article\">\n\t\t<figure class=\"post-gallery\"><img loading=\"lazy\" decoding=\"async\" width=\"600\" height=\"400\" src=\"https:\/\/www.psib-psoe.org\/mallorca\/wp-content\/uploads\/Amanda-Manacor-121025-600x400.jpeg\" class=\"attachment-notio-general-x2 size-notio-general-x2 wp-post-image\" alt=\"\" srcset=\"https:\/\/www.psib-psoe.org\/mallorca\/wp-content\/uploads\/Amanda-Manacor-121025-600x400.jpeg 600w, https:\/\/www.psib-psoe.org\/mallorca\/wp-content\/uploads\/Amanda-Manacor-121025-300x200.jpeg 300w, https:\/\/www.psib-psoe.org\/mallorca\/wp-content\/uploads\/Amanda-Manacor-121025-900x600.jpeg 900w, https:\/\/www.psib-psoe.org\/mallorca\/wp-content\/uploads\/Amanda-Manacor-121025-20x13.jpeg 20w\" sizes=\"(max-width: 600px) 100vw, 600px\" \/><\/figure>\n\t\t<div class=\"blog-top\">\n\t\t\t<header class=\"post-title entry-header\">\n\t\t\t\t<aside class=\"post-meta cf\">\n\t\t12\/10\/2025 \/ <a href=\"https:\/\/www.psib-psoe.org\/mallorca\/category\/federacio-de-mallorca\/\" rel=\"category tag\">Federaci\u00f3 de Mallorca<\/a>, <a href=\"https:\/\/www.psib-psoe.org\/mallorca\/category\/federacio-de-mallorca-portada\/\" rel=\"category tag\">Federaci\u00f3 de Mallorca - Portada<\/a>, <a href=\"https:\/\/www.psib-psoe.org\/mallorca\/category\/municipis\/\" rel=\"category tag\">Municipis<\/a>, <a href=\"https:\/\/www.psib-psoe.org\/mallorca\/category\/portada\/\" rel=\"category tag\">Portada<\/a><\/aside>\n\t\t\t\t<h3 itemprop=\"headline\"><a href=\"https:\/\/www.psib-psoe.org\/mallorca\/amanda-fernandez-denuncia-el-collapse-sanitari-a-llevant-ja-es-hora-que-prohens-escolti-els-ciutadans-i-aturi-la-degradacio-del-servei-public-de-salut-a-la-comarca\/\" title=\"Amanda Fern\u00e0ndez denuncia el col\u00b7lapse sanitari a Llevant: \u201cja \u00e9s hora que Prohens escolti els ciutadans, i aturi la degradaci\u00f3 del Servei p\u00fablic de Salut a la comarca\u201d.\">Amanda Fern\u00e0ndez denuncia el col\u00b7lapse sanitari a Llevant: \u201cja \u00e9s hora que Prohens escolti els ciutadans, i aturi la degradaci\u00f3 del Servei p\u00fablic de Salut a la comarca\u201d.<\/a><\/h3>\n\t\t\t<\/header>\n\t\t<\/div>\n\t\t<div class=\"post-content\">\n\t\t\t<a href=\"https:\/\/www.psib-psoe.org\/mallorca\/amanda-fernandez-denuncia-el-collapse-sanitari-a-llevant-ja-es-hora-que-prohens-escolti-els-ciutadans-i-aturi-la-degradacio-del-servei-public-de-salut-a-la-comarca\/\" class=\"more-link\">Read More<\/a>\n\t\t<\/div>\n\t\t\t<aside class=\"post-bottom-meta hide\">\n\t\t<strong rel=\"author\" itemprop=\"author\" class=\"author vcard\"><span class=\"fn\">Albert<\/span><\/strong>\n\t\t<time class=\"date published time\" datetime=\"2025-10-12T11:34:50+02:00\" itemprop=\"datePublished\" content=\"2025-10-12T11:34:50+02:00\">12\/10\/2025<\/time>\n\t\t<meta itemprop=\"dateModified\" class=\"date updated\" content=\"2025-10-12T11:35:02+02:00\">\n\t\t<span class=\"hide\" itemprop=\"publisher\" itemscope itemtype=\"https:\/\/schema.org\/Organization\">\n\t\t\t<meta itemprop=\"name\" content=\"SocialistesdMca\">\n\t\t\t<span itemprop=\"logo\" itemscope itemtype=\"https:\/\/schema.org\/ImageObject\">\n\t\t\t\t<meta itemprop=\"url\" content=\"https:\/\/www.psib-psoe.org\/mallorca\/wp-content\/themes\/notio-wp\/assets\/img\/logo.png\">\n\t\t\t<\/span>\n\t\t\t<meta itemprop=\"url\" content=\"https:\/\/www.psib-psoe.org\/mallorca\/\">\n\t\t<\/span>\n\t\t\t\t<span class=\"hide\" itemprop=\"image\" itemscope itemtype=\"http:\/\/schema.org\/ImageObject\">\n\t\t\t<meta itemprop=\"url\" content=\"https:\/\/www.psib-psoe.org\/mallorca\/wp-content\/uploads\/Amanda-Manacor-121025.jpeg\">\n\t\t\t<meta itemprop=\"width\" content=\"1158\">\n\t\t\t<meta itemprop=\"height\" content=\"2048\">\n\t\t<\/span>\n\t\t\t\t<meta itemscope itemprop=\"mainEntityOfPage\" itemtype=\"https:\/\/schema.org\/WebPage\" itemid=\"https:\/\/www.psib-psoe.org\/mallorca\/amanda-fernandez-denuncia-el-collapse-sanitari-a-llevant-ja-es-hora-que-prohens-escolti-els-ciutadans-i-aturi-la-degradacio-del-servei-public-de-salut-a-la-comarca\/\">\n\t<\/aside>\n\t\t<\/article>\n<\/div>\n<div class=\"small-12 large-4 columns\">\n\t<article itemscope itemtype=\"http:\/\/schema.org\/Article\" class=\"post blog-style7 alt post-30460 type-post status-publish format-standard has-post-thumbnail hentry category-consell-de-mallorca category-federacio-de-mallorca category-federacio-de-mallorca-portada category-municipis category-portada tag-amanda-fernandez tag-andreu-serra tag-bea-gamundi tag-biel-alomar tag-catalina-cladera tag-consell-de-mallorca tag-federacio-socialista-de-mallorca tag-jaume-mateu tag-joan-ferrer tag-joan-mendez-2 tag-juana-m-adrover tag-mallorca tag-psib-psoe tag-sofia-alonso\" role=\"article\">\n\t\t<figure class=\"post-gallery\"><img loading=\"lazy\" decoding=\"async\" width=\"600\" height=\"400\" src=\"https:\/\/www.psib-psoe.org\/mallorca\/wp-content\/uploads\/Grup-Mendez-091025-1-600x400.jpeg\" class=\"attachment-notio-general-x2 size-notio-general-x2 wp-post-image\" alt=\"\" srcset=\"https:\/\/www.psib-psoe.org\/mallorca\/wp-content\/uploads\/Grup-Mendez-091025-1-600x400.jpeg 600w, https:\/\/www.psib-psoe.org\/mallorca\/wp-content\/uploads\/Grup-Mendez-091025-1-300x200.jpeg 300w, https:\/\/www.psib-psoe.org\/mallorca\/wp-content\/uploads\/Grup-Mendez-091025-1-900x600.jpeg 900w, https:\/\/www.psib-psoe.org\/mallorca\/wp-content\/uploads\/Grup-Mendez-091025-1-20x13.jpeg 20w\" sizes=\"(max-width: 600px) 100vw, 600px\" \/><\/figure>\n\t\t<div class=\"blog-top\">\n\t\t\t<header class=\"post-title entry-header\">\n\t\t\t\t<aside class=\"post-meta cf\">\n\t\t09\/10\/2025 \/ <a href=\"https:\/\/www.psib-psoe.org\/mallorca\/category\/consell-de-mallorca\/\" rel=\"category tag\">Consell de Mallorca<\/a>, <a href=\"https:\/\/www.psib-psoe.org\/mallorca\/category\/federacio-de-mallorca\/\" rel=\"category tag\">Federaci\u00f3 de Mallorca<\/a>, <a href=\"https:\/\/www.psib-psoe.org\/mallorca\/category\/federacio-de-mallorca-portada\/\" rel=\"category tag\">Federaci\u00f3 de Mallorca - Portada<\/a>, <a href=\"https:\/\/www.psib-psoe.org\/mallorca\/category\/municipis\/\" rel=\"category tag\">Municipis<\/a>, <a href=\"https:\/\/www.psib-psoe.org\/mallorca\/category\/portada\/\" rel=\"category tag\">Portada<\/a><\/aside>\n\t\t\t\t<h3 itemprop=\"headline\"><a href=\"https:\/\/www.psib-psoe.org\/mallorca\/el-grup-socialista-reclama-la-reprovacio-la-dimissio-i-el-retorn-de-les-quantitats-cobrades-illegitimament-per-la-portaveu-del-pp-al-consell-nuria-riera\/\" title=\"El Grup Socialista reclama la reprovaci\u00f3, la dimissi\u00f3 i el retorn de les quantitats cobrades il\u00b7leg\u00edtimament per la portaveu del PP al Consell, N\u00faria Riera.\">El Grup Socialista reclama la reprovaci\u00f3, la dimissi\u00f3 i el retorn de les quantitats cobrades il\u00b7leg\u00edtimament per la portaveu del PP al Consell, N\u00faria Riera.<\/a><\/h3>\n\t\t\t<\/header>\n\t\t<\/div>\n\t\t<div class=\"post-content\">\n\t\t\t<a href=\"https:\/\/www.psib-psoe.org\/mallorca\/el-grup-socialista-reclama-la-reprovacio-la-dimissio-i-el-retorn-de-les-quantitats-cobrades-illegitimament-per-la-portaveu-del-pp-al-consell-nuria-riera\/\" class=\"more-link\">Read More<\/a>\n\t\t<\/div>\n\t\t\t<aside class=\"post-bottom-meta hide\">\n\t\t<strong rel=\"author\" itemprop=\"author\" class=\"author vcard\"><span class=\"fn\">Albert<\/span><\/strong>\n\t\t<time class=\"date published time\" datetime=\"2025-10-09T17:34:34+02:00\" itemprop=\"datePublished\" content=\"2025-10-09T17:34:34+02:00\">09\/10\/2025<\/time>\n\t\t<meta itemprop=\"dateModified\" class=\"date updated\" content=\"2025-10-09T17:34:48+02:00\">\n\t\t<span class=\"hide\" itemprop=\"publisher\" itemscope itemtype=\"https:\/\/schema.org\/Organization\">\n\t\t\t<meta itemprop=\"name\" content=\"SocialistesdMca\">\n\t\t\t<span itemprop=\"logo\" itemscope itemtype=\"https:\/\/schema.org\/ImageObject\">\n\t\t\t\t<meta itemprop=\"url\" content=\"https:\/\/www.psib-psoe.org\/mallorca\/wp-content\/themes\/notio-wp\/assets\/img\/logo.png\">\n\t\t\t<\/span>\n\t\t\t<meta itemprop=\"url\" content=\"https:\/\/www.psib-psoe.org\/mallorca\/\">\n\t\t<\/span>\n\t\t\t\t<span class=\"hide\" itemprop=\"image\" itemscope itemtype=\"http:\/\/schema.org\/ImageObject\">\n\t\t\t<meta itemprop=\"url\" content=\"https:\/\/www.psib-psoe.org\/mallorca\/wp-content\/uploads\/Grup-Mendez-091025-1.jpeg\">\n\t\t\t<meta itemprop=\"width\" content=\"1200\">\n\t\t\t<meta itemprop=\"height\" content=\"1600\">\n\t\t<\/span>\n\t\t\t\t<meta itemscope itemprop=\"mainEntityOfPage\" itemtype=\"https:\/\/schema.org\/WebPage\" itemid=\"https:\/\/www.psib-psoe.org\/mallorca\/el-grup-socialista-reclama-la-reprovacio-la-dimissio-i-el-retorn-de-les-quantitats-cobrades-illegitimament-per-la-portaveu-del-pp-al-consell-nuria-riera\/\">\n\t<\/aside>\n\t\t<\/article>\n<\/div>\n<div class=\"small-12 large-4 columns\">\n\t<article itemscope itemtype=\"http:\/\/schema.org\/Article\" class=\"post blog-style7 alt post-30455 type-post status-publish format-standard has-post-thumbnail hentry category-consell-de-mallorca category-federacio-de-mallorca category-federacio-de-mallorca-portada category-municipis category-portada tag-amanda-fernandez tag-andreu-serra tag-bea-gamundi tag-biel-alomar tag-catalina-cladera tag-consell-de-mallorca tag-federacio-socialista-de-mallorca tag-jaume-mateu tag-joan-ferrer tag-joan-mendez-2 tag-juana-m-adrover tag-mallorca tag-psib-psoe tag-sofia-alonso\" role=\"article\">\n\t\t<figure class=\"post-gallery\"><img loading=\"lazy\" decoding=\"async\" width=\"600\" height=\"400\" src=\"https:\/\/www.psib-psoe.org\/mallorca\/wp-content\/uploads\/Minut-silenci-Gaza-091025-edited-600x400.jpeg\" class=\"attachment-notio-general-x2 size-notio-general-x2 wp-post-image\" alt=\"\" srcset=\"https:\/\/www.psib-psoe.org\/mallorca\/wp-content\/uploads\/Minut-silenci-Gaza-091025-edited-600x400.jpeg 600w, https:\/\/www.psib-psoe.org\/mallorca\/wp-content\/uploads\/Minut-silenci-Gaza-091025-edited-300x200.jpeg 300w, https:\/\/www.psib-psoe.org\/mallorca\/wp-content\/uploads\/Minut-silenci-Gaza-091025-edited-20x13.jpeg 20w\" sizes=\"(max-width: 600px) 100vw, 600px\" \/><\/figure>\n\t\t<div class=\"blog-top\">\n\t\t\t<header class=\"post-title entry-header\">\n\t\t\t\t<aside class=\"post-meta cf\">\n\t\t09\/10\/2025 \/ <a href=\"https:\/\/www.psib-psoe.org\/mallorca\/category\/consell-de-mallorca\/\" rel=\"category tag\">Consell de Mallorca<\/a>, <a href=\"https:\/\/www.psib-psoe.org\/mallorca\/category\/federacio-de-mallorca\/\" rel=\"category tag\">Federaci\u00f3 de Mallorca<\/a>, <a href=\"https:\/\/www.psib-psoe.org\/mallorca\/category\/federacio-de-mallorca-portada\/\" rel=\"category tag\">Federaci\u00f3 de Mallorca - Portada<\/a>, <a href=\"https:\/\/www.psib-psoe.org\/mallorca\/category\/municipis\/\" rel=\"category tag\">Municipis<\/a>, <a href=\"https:\/\/www.psib-psoe.org\/mallorca\/category\/portada\/\" rel=\"category tag\">Portada<\/a><\/aside>\n\t\t\t\t<h3 itemprop=\"headline\"><a href=\"https:\/\/www.psib-psoe.org\/mallorca\/el-grup-socialista-improvisa-un-minut-de-silenci-en-memoria-de-les-victimes-del-genocidi-de-gaza-al-ple-del-consell-davant-del-vet-del-pp-i-la-negativa-de-vox\/\" title=\"El Grup Socialista improvisa un minut de silenci en mem\u00f2ria de les v\u00edctimes del genocidi de Gaza al ple del Consell, davant del vet del PP i la negativa de Vox.\">El Grup Socialista improvisa un minut de silenci en mem\u00f2ria de les v\u00edctimes del genocidi de Gaza al ple del Consell, davant del vet del PP i la negativa de Vox.<\/a><\/h3>\n\t\t\t<\/header>\n\t\t<\/div>\n\t\t<div class=\"post-content\">\n\t\t\t<a href=\"https:\/\/www.psib-psoe.org\/mallorca\/el-grup-socialista-improvisa-un-minut-de-silenci-en-memoria-de-les-victimes-del-genocidi-de-gaza-al-ple-del-consell-davant-del-vet-del-pp-i-la-negativa-de-vox\/\" class=\"more-link\">Read More<\/a>\n\t\t<\/div>\n\t\t\t<aside class=\"post-bottom-meta hide\">\n\t\t<strong rel=\"author\" itemprop=\"author\" class=\"author vcard\"><span class=\"fn\">Albert<\/span><\/strong>\n\t\t<time class=\"date published time\" datetime=\"2025-10-09T15:57:41+02:00\" itemprop=\"datePublished\" content=\"2025-10-09T15:57:41+02:00\">09\/10\/2025<\/time>\n\t\t<meta itemprop=\"dateModified\" class=\"date updated\" content=\"2025-10-09T15:57:52+02:00\">\n\t\t<span class=\"hide\" itemprop=\"publisher\" itemscope itemtype=\"https:\/\/schema.org\/Organization\">\n\t\t\t<meta itemprop=\"name\" content=\"SocialistesdMca\">\n\t\t\t<span itemprop=\"logo\" itemscope itemtype=\"https:\/\/schema.org\/ImageObject\">\n\t\t\t\t<meta itemprop=\"url\" content=\"https:\/\/www.psib-psoe.org\/mallorca\/wp-content\/themes\/notio-wp\/assets\/img\/logo.png\">\n\t\t\t<\/span>\n\t\t\t<meta itemprop=\"url\" content=\"https:\/\/www.psib-psoe.org\/mallorca\/\">\n\t\t<\/span>\n\t\t\t\t<span class=\"hide\" itemprop=\"image\" itemscope itemtype=\"http:\/\/schema.org\/ImageObject\">\n\t\t\t<meta itemprop=\"url\" content=\"https:\/\/www.psib-psoe.org\/mallorca\/wp-content\/uploads\/Minut-silenci-Gaza-091025-edited.jpeg\">\n\t\t\t<meta itemprop=\"width\" content=\"1025\">\n\t\t\t<meta itemprop=\"height\" content=\"577\">\n\t\t<\/span>\n\t\t\t\t<meta itemscope itemprop=\"mainEntityOfPage\" itemtype=\"https:\/\/schema.org\/WebPage\" itemid=\"https:\/\/www.psib-psoe.org\/mallorca\/el-grup-socialista-improvisa-un-minut-de-silenci-en-memoria-de-les-victimes-del-genocidi-de-gaza-al-ple-del-consell-davant-del-vet-del-pp-i-la-negativa-de-vox\/\">\n\t<\/aside>\n\t\t<\/article>\n<\/div>\n<div class=\"small-12 large-4 columns\">\n\t<article itemscope itemtype=\"http:\/\/schema.org\/Article\" class=\"post blog-style7 alt post-30452 type-post status-publish format-standard has-post-thumbnail hentry category-consell-de-mallorca category-federacio-de-mallorca category-federacio-de-mallorca-portada category-municipis category-portada tag-amanda-fernandez tag-andreu-serra tag-bea-gamundi tag-biel-alomar tag-catalina-cladera tag-consell-de-mallorca tag-federacio-socialista-de-mallorca tag-jaume-mateu tag-joan-ferrer tag-joan-mendez-2 tag-juana-m-adrover tag-mallorca tag-psib-psoe tag-sofia-alonso\" role=\"article\">\n\t\t<figure class=\"post-gallery\"><img loading=\"lazy\" decoding=\"async\" width=\"600\" height=\"400\" src=\"https:\/\/www.psib-psoe.org\/mallorca\/wp-content\/uploads\/Grup-Mendez-091025-3-600x400.jpeg\" class=\"attachment-notio-general-x2 size-notio-general-x2 wp-post-image\" alt=\"\" srcset=\"https:\/\/www.psib-psoe.org\/mallorca\/wp-content\/uploads\/Grup-Mendez-091025-3-600x400.jpeg 600w, https:\/\/www.psib-psoe.org\/mallorca\/wp-content\/uploads\/Grup-Mendez-091025-3-300x200.jpeg 300w, https:\/\/www.psib-psoe.org\/mallorca\/wp-content\/uploads\/Grup-Mendez-091025-3-1024x682.jpeg 1024w, https:\/\/www.psib-psoe.org\/mallorca\/wp-content\/uploads\/Grup-Mendez-091025-3-768x512.jpeg 768w, https:\/\/www.psib-psoe.org\/mallorca\/wp-content\/uploads\/Grup-Mendez-091025-3-1536x1023.jpeg 1536w, https:\/\/www.psib-psoe.org\/mallorca\/wp-content\/uploads\/Grup-Mendez-091025-3-150x100.jpeg 150w, https:\/\/www.psib-psoe.org\/mallorca\/wp-content\/uploads\/Grup-Mendez-091025-3-900x600.jpeg 900w, https:\/\/www.psib-psoe.org\/mallorca\/wp-content\/uploads\/Grup-Mendez-091025-3-20x13.jpeg 20w, https:\/\/www.psib-psoe.org\/mallorca\/wp-content\/uploads\/Grup-Mendez-091025-3.jpeg 1600w\" sizes=\"(max-width: 600px) 100vw, 600px\" \/><\/figure>\n\t\t<div class=\"blog-top\">\n\t\t\t<header class=\"post-title entry-header\">\n\t\t\t\t<aside class=\"post-meta cf\">\n\t\t09\/10\/2025 \/ <a href=\"https:\/\/www.psib-psoe.org\/mallorca\/category\/consell-de-mallorca\/\" rel=\"category tag\">Consell de Mallorca<\/a>, <a href=\"https:\/\/www.psib-psoe.org\/mallorca\/category\/federacio-de-mallorca\/\" rel=\"category tag\">Federaci\u00f3 de Mallorca<\/a>, <a href=\"https:\/\/www.psib-psoe.org\/mallorca\/category\/federacio-de-mallorca-portada\/\" rel=\"category tag\">Federaci\u00f3 de Mallorca - Portada<\/a>, <a href=\"https:\/\/www.psib-psoe.org\/mallorca\/category\/municipis\/\" rel=\"category tag\">Municipis<\/a>, <a href=\"https:\/\/www.psib-psoe.org\/mallorca\/category\/portada\/\" rel=\"category tag\">Portada<\/a><\/aside>\n\t\t\t\t<h3 itemprop=\"headline\"><a href=\"https:\/\/www.psib-psoe.org\/mallorca\/joan-mendez-pren-possessio-com-a-nou-conseller-del-grup-socialista-al-consell-de-mallorca\/\" title=\"Joan M\u00e9ndez pren possessi\u00f3 com a nou conseller del Grup Socialista al Consell de Mallorca.\">Joan M\u00e9ndez pren possessi\u00f3 com a nou conseller del Grup Socialista al Consell de Mallorca.<\/a><\/h3>\n\t\t\t<\/header>\n\t\t<\/div>\n\t\t<div class=\"post-content\">\n\t\t\t<a href=\"https:\/\/www.psib-psoe.org\/mallorca\/joan-mendez-pren-possessio-com-a-nou-conseller-del-grup-socialista-al-consell-de-mallorca\/\" class=\"more-link\">Read More<\/a>\n\t\t<\/div>\n\t\t\t<aside class=\"post-bottom-meta hide\">\n\t\t<strong rel=\"author\" itemprop=\"author\" class=\"author vcard\"><span class=\"fn\">Albert<\/span><\/strong>\n\t\t<time class=\"date published time\" datetime=\"2025-10-09T11:14:24+02:00\" itemprop=\"datePublished\" content=\"2025-10-09T11:14:24+02:00\">09\/10\/2025<\/time>\n\t\t<meta itemprop=\"dateModified\" class=\"date updated\" content=\"2025-10-09T11:14:35+02:00\">\n\t\t<span class=\"hide\" itemprop=\"publisher\" itemscope itemtype=\"https:\/\/schema.org\/Organization\">\n\t\t\t<meta itemprop=\"name\" content=\"SocialistesdMca\">\n\t\t\t<span itemprop=\"logo\" itemscope itemtype=\"https:\/\/schema.org\/ImageObject\">\n\t\t\t\t<meta itemprop=\"url\" content=\"https:\/\/www.psib-psoe.org\/mallorca\/wp-content\/themes\/notio-wp\/assets\/img\/logo.png\">\n\t\t\t<\/span>\n\t\t\t<meta itemprop=\"url\" content=\"https:\/\/www.psib-psoe.org\/mallorca\/\">\n\t\t<\/span>\n\t\t\t\t<span class=\"hide\" itemprop=\"image\" itemscope itemtype=\"http:\/\/schema.org\/ImageObject\">\n\t\t\t<meta itemprop=\"url\" content=\"https:\/\/www.psib-psoe.org\/mallorca\/wp-content\/uploads\/Grup-Mendez-091025-3.jpeg\">\n\t\t\t<meta itemprop=\"width\" content=\"1600\">\n\t\t\t<meta itemprop=\"height\" content=\"1066\">\n\t\t<\/span>\n\t\t\t\t<meta itemscope itemprop=\"mainEntityOfPage\" itemtype=\"https:\/\/schema.org\/WebPage\" itemid=\"https:\/\/www.psib-psoe.org\/mallorca\/joan-mendez-pren-possessio-com-a-nou-conseller-del-grup-socialista-al-consell-de-mallorca\/\">\n\t<\/aside>\n\t\t<\/article>\n<\/div>\n<div class=\"small-12 large-4 columns\">\n\t<article itemscope itemtype=\"http:\/\/schema.org\/Article\" class=\"post blog-style7 alt post-30448 type-post status-publish format-standard has-post-thumbnail hentry category-consell-de-mallorca category-federacio-de-mallorca category-federacio-de-mallorca-portada category-municipis category-portada tag-alaro tag-amanda-fernandez tag-andreu-vidal tag-ares-fernandez tag-federacio-socialista-de-mallorca tag-mallorca tag-psib-psoe\" role=\"article\">\n\t\t<figure class=\"post-gallery\"><img loading=\"lazy\" decoding=\"async\" width=\"600\" height=\"400\" src=\"https:\/\/www.psib-psoe.org\/mallorca\/wp-content\/uploads\/Cotxes-patrulla-600x400.jpeg\" class=\"attachment-notio-general-x2 size-notio-general-x2 wp-post-image\" alt=\"\" srcset=\"https:\/\/www.psib-psoe.org\/mallorca\/wp-content\/uploads\/Cotxes-patrulla-600x400.jpeg 600w, https:\/\/www.psib-psoe.org\/mallorca\/wp-content\/uploads\/Cotxes-patrulla-300x200.jpeg 300w, https:\/\/www.psib-psoe.org\/mallorca\/wp-content\/uploads\/Cotxes-patrulla-900x600.jpeg 900w, https:\/\/www.psib-psoe.org\/mallorca\/wp-content\/uploads\/Cotxes-patrulla-20x13.jpeg 20w\" sizes=\"(max-width: 600px) 100vw, 600px\" \/><\/figure>\n\t\t<div class=\"blog-top\">\n\t\t\t<header class=\"post-title entry-header\">\n\t\t\t\t<aside class=\"post-meta cf\">\n\t\t07\/10\/2025 \/ <a href=\"https:\/\/www.psib-psoe.org\/mallorca\/category\/consell-de-mallorca\/\" rel=\"category tag\">Consell de Mallorca<\/a>, <a href=\"https:\/\/www.psib-psoe.org\/mallorca\/category\/federacio-de-mallorca\/\" rel=\"category tag\">Federaci\u00f3 de Mallorca<\/a>, <a href=\"https:\/\/www.psib-psoe.org\/mallorca\/category\/federacio-de-mallorca-portada\/\" rel=\"category tag\">Federaci\u00f3 de Mallorca - Portada<\/a>, <a href=\"https:\/\/www.psib-psoe.org\/mallorca\/category\/municipis\/\" rel=\"category tag\">Municipis<\/a>, <a href=\"https:\/\/www.psib-psoe.org\/mallorca\/category\/portada\/\" rel=\"category tag\">Portada<\/a><\/aside>\n\t\t\t\t<h3 itemprop=\"headline\"><a href=\"https:\/\/www.psib-psoe.org\/mallorca\/els-socialistes-dalaro-denuncien-deficiencies-en-el-servei-de-policia-local-al-municipi\/\" title=\"Els Socialistes d\u2019Alar\u00f3 denuncien defici\u00e8ncies en el servei de Policia Local al municipi.\">Els Socialistes d\u2019Alar\u00f3 denuncien defici\u00e8ncies en el servei de Policia Local al municipi.<\/a><\/h3>\n\t\t\t<\/header>\n\t\t<\/div>\n\t\t<div class=\"post-content\">\n\t\t\t<a href=\"https:\/\/www.psib-psoe.org\/mallorca\/els-socialistes-dalaro-denuncien-deficiencies-en-el-servei-de-policia-local-al-municipi\/\" class=\"more-link\">Read More<\/a>\n\t\t<\/div>\n\t\t\t<aside class=\"post-bottom-meta hide\">\n\t\t<strong rel=\"author\" itemprop=\"author\" class=\"author vcard\"><span class=\"fn\">Albert<\/span><\/strong>\n\t\t<time class=\"date published time\" datetime=\"2025-10-07T13:37:19+02:00\" itemprop=\"datePublished\" content=\"2025-10-07T13:37:19+02:00\">07\/10\/2025<\/time>\n\t\t<meta itemprop=\"dateModified\" class=\"date updated\" content=\"2025-10-07T13:37:31+02:00\">\n\t\t<span class=\"hide\" itemprop=\"publisher\" itemscope itemtype=\"https:\/\/schema.org\/Organization\">\n\t\t\t<meta itemprop=\"name\" content=\"SocialistesdMca\">\n\t\t\t<span itemprop=\"logo\" itemscope itemtype=\"https:\/\/schema.org\/ImageObject\">\n\t\t\t\t<meta itemprop=\"url\" content=\"https:\/\/www.psib-psoe.org\/mallorca\/wp-content\/themes\/notio-wp\/assets\/img\/logo.png\">\n\t\t\t<\/span>\n\t\t\t<meta itemprop=\"url\" content=\"https:\/\/www.psib-psoe.org\/mallorca\/\">\n\t\t<\/span>\n\t\t\t\t<span class=\"hide\" itemprop=\"image\" itemscope itemtype=\"http:\/\/schema.org\/ImageObject\">\n\t\t\t<meta itemprop=\"url\" content=\"https:\/\/www.psib-psoe.org\/mallorca\/wp-content\/uploads\/Cotxes-patrulla.jpeg\">\n\t\t\t<meta itemprop=\"width\" content=\"1026\">\n\t\t\t<meta itemprop=\"height\" content=\"1026\">\n\t\t<\/span>\n\t\t\t\t<meta itemscope itemprop=\"mainEntityOfPage\" itemtype=\"https:\/\/schema.org\/WebPage\" itemid=\"https:\/\/www.psib-psoe.org\/mallorca\/els-socialistes-dalaro-denuncien-deficiencies-en-el-servei-de-policia-local-al-municipi\/\">\n\t<\/aside>\n\t\t<\/article>\n<\/div>\n<div class=\"small-12 large-4 columns\">\n\t<article itemscope itemtype=\"http:\/\/schema.org\/Article\" class=\"post blog-style7 alt post-30443 type-post status-publish format-standard has-post-thumbnail hentry category-consell-de-mallorca category-federacio-de-mallorca category-federacio-de-mallorca-portada category-municipis category-portada tag-amanda-fernandez tag-andreu-serra tag-bea-gamundi tag-biel-alomar tag-catalina-cladera tag-consell-de-mallorca tag-federacio-socialista-de-mallorca tag-jaume-mateu tag-joan-ferrer tag-joan-mendez-2 tag-juana-m-adrover tag-mallorca tag-psib-psoe tag-sofia-alonso\" role=\"article\">\n\t\t<figure class=\"post-gallery\"><img loading=\"lazy\" decoding=\"async\" width=\"600\" height=\"400\" src=\"https:\/\/www.psib-psoe.org\/mallorca\/wp-content\/uploads\/Alonso-Ferrer-061025-600x400.jpeg\" class=\"attachment-notio-general-x2 size-notio-general-x2 wp-post-image\" alt=\"\" srcset=\"https:\/\/www.psib-psoe.org\/mallorca\/wp-content\/uploads\/Alonso-Ferrer-061025-600x400.jpeg 600w, https:\/\/www.psib-psoe.org\/mallorca\/wp-content\/uploads\/Alonso-Ferrer-061025-300x200.jpeg 300w, https:\/\/www.psib-psoe.org\/mallorca\/wp-content\/uploads\/Alonso-Ferrer-061025-900x600.jpeg 900w, https:\/\/www.psib-psoe.org\/mallorca\/wp-content\/uploads\/Alonso-Ferrer-061025-20x13.jpeg 20w\" sizes=\"(max-width: 600px) 100vw, 600px\" \/><\/figure>\n\t\t<div class=\"blog-top\">\n\t\t\t<header class=\"post-title entry-header\">\n\t\t\t\t<aside class=\"post-meta cf\">\n\t\t06\/10\/2025 \/ <a href=\"https:\/\/www.psib-psoe.org\/mallorca\/category\/consell-de-mallorca\/\" rel=\"category tag\">Consell de Mallorca<\/a>, <a href=\"https:\/\/www.psib-psoe.org\/mallorca\/category\/federacio-de-mallorca\/\" rel=\"category tag\">Federaci\u00f3 de Mallorca<\/a>, <a href=\"https:\/\/www.psib-psoe.org\/mallorca\/category\/federacio-de-mallorca-portada\/\" rel=\"category tag\">Federaci\u00f3 de Mallorca - Portada<\/a>, <a href=\"https:\/\/www.psib-psoe.org\/mallorca\/category\/municipis\/\" rel=\"category tag\">Municipis<\/a>, <a href=\"https:\/\/www.psib-psoe.org\/mallorca\/category\/portada\/\" rel=\"category tag\">Portada<\/a><\/aside>\n\t\t\t\t<h3 itemprop=\"headline\"><a href=\"https:\/\/www.psib-psoe.org\/mallorca\/el-grup-socialista-exigeix-al-consell-de-mallorca-que-actui-davant-la-crisi-dhabitatge-i-la-cohabitacio-forcosa\/\" title=\"El Grup Socialista exigeix al Consell de Mallorca que actu\u00ef davant la crisi d\u2019habitatge i la cohabitaci\u00f3 for\u00e7osa.\">El Grup Socialista exigeix al Consell de Mallorca que actu\u00ef davant la crisi d\u2019habitatge i la cohabitaci\u00f3 for\u00e7osa.<\/a><\/h3>\n\t\t\t<\/header>\n\t\t<\/div>\n\t\t<div class=\"post-content\">\n\t\t\t<a href=\"https:\/\/www.psib-psoe.org\/mallorca\/el-grup-socialista-exigeix-al-consell-de-mallorca-que-actui-davant-la-crisi-dhabitatge-i-la-cohabitacio-forcosa\/\" class=\"more-link\">Read More<\/a>\n\t\t<\/div>\n\t\t\t<aside class=\"post-bottom-meta hide\">\n\t\t<strong rel=\"author\" itemprop=\"author\" class=\"author vcard\"><span class=\"fn\">Albert<\/span><\/strong>\n\t\t<time class=\"date published time\" datetime=\"2025-10-06T12:22:58+02:00\" itemprop=\"datePublished\" content=\"2025-10-06T12:22:58+02:00\">06\/10\/2025<\/time>\n\t\t<meta itemprop=\"dateModified\" class=\"date updated\" content=\"2025-10-06T12:23:09+02:00\">\n\t\t<span class=\"hide\" itemprop=\"publisher\" itemscope itemtype=\"https:\/\/schema.org\/Organization\">\n\t\t\t<meta itemprop=\"name\" content=\"SocialistesdMca\">\n\t\t\t<span itemprop=\"logo\" itemscope itemtype=\"https:\/\/schema.org\/ImageObject\">\n\t\t\t\t<meta itemprop=\"url\" content=\"https:\/\/www.psib-psoe.org\/mallorca\/wp-content\/themes\/notio-wp\/assets\/img\/logo.png\">\n\t\t\t<\/span>\n\t\t\t<meta itemprop=\"url\" content=\"https:\/\/www.psib-psoe.org\/mallorca\/\">\n\t\t<\/span>\n\t\t\t\t<span class=\"hide\" itemprop=\"image\" itemscope itemtype=\"http:\/\/schema.org\/ImageObject\">\n\t\t\t<meta itemprop=\"url\" content=\"https:\/\/www.psib-psoe.org\/mallorca\/wp-content\/uploads\/Alonso-Ferrer-061025.jpeg\">\n\t\t\t<meta itemprop=\"width\" content=\"1600\">\n\t\t\t<meta itemprop=\"height\" content=\"1200\">\n\t\t<\/span>\n\t\t\t\t<meta itemscope itemprop=\"mainEntityOfPage\" itemtype=\"https:\/\/schema.org\/WebPage\" itemid=\"https:\/\/www.psib-psoe.org\/mallorca\/el-grup-socialista-exigeix-al-consell-de-mallorca-que-actui-davant-la-crisi-dhabitatge-i-la-cohabitacio-forcosa\/\">\n\t<\/aside>\n\t\t<\/article>\n<\/div>\n<div class=\"small-12 large-4 columns\">\n\t<article itemscope itemtype=\"http:\/\/schema.org\/Article\" class=\"post blog-style7 alt post-30438 type-post status-publish format-standard has-post-thumbnail hentry category-consell-de-mallorca category-federacio-de-mallorca category-federacio-de-mallorca-portada category-municipis category-portada tag-amanda-fernandez tag-andreu-serra tag-bea-gamundi tag-biel-alomar tag-catalina-cladera tag-consell-de-mallorca tag-federacio-socialista-de-mallorca tag-jaume-mateu tag-joan-ferrer tag-joan-mendez-2 tag-juana-m-adrover tag-mallorca tag-psib-psoe tag-sofia-alonso\" role=\"article\">\n\t\t<figure class=\"post-gallery\"><img loading=\"lazy\" decoding=\"async\" width=\"600\" height=\"400\" src=\"https:\/\/www.psib-psoe.org\/mallorca\/wp-content\/uploads\/Ple-110925-600x400.jpeg\" class=\"attachment-notio-general-x2 size-notio-general-x2 wp-post-image\" alt=\"\" srcset=\"https:\/\/www.psib-psoe.org\/mallorca\/wp-content\/uploads\/Ple-110925-600x400.jpeg 600w, https:\/\/www.psib-psoe.org\/mallorca\/wp-content\/uploads\/Ple-110925-300x200.jpeg 300w, https:\/\/www.psib-psoe.org\/mallorca\/wp-content\/uploads\/Ple-110925-900x600.jpeg 900w, https:\/\/www.psib-psoe.org\/mallorca\/wp-content\/uploads\/Ple-110925-20x13.jpeg 20w\" sizes=\"(max-width: 600px) 100vw, 600px\" \/><\/figure>\n\t\t<div class=\"blog-top\">\n\t\t\t<header class=\"post-title entry-header\">\n\t\t\t\t<aside class=\"post-meta cf\">\n\t\t04\/10\/2025 \/ <a href=\"https:\/\/www.psib-psoe.org\/mallorca\/category\/consell-de-mallorca\/\" rel=\"category tag\">Consell de Mallorca<\/a>, <a href=\"https:\/\/www.psib-psoe.org\/mallorca\/category\/federacio-de-mallorca\/\" rel=\"category tag\">Federaci\u00f3 de Mallorca<\/a>, <a href=\"https:\/\/www.psib-psoe.org\/mallorca\/category\/federacio-de-mallorca-portada\/\" rel=\"category tag\">Federaci\u00f3 de Mallorca - Portada<\/a>, <a href=\"https:\/\/www.psib-psoe.org\/mallorca\/category\/municipis\/\" rel=\"category tag\">Municipis<\/a>, <a href=\"https:\/\/www.psib-psoe.org\/mallorca\/category\/portada\/\" rel=\"category tag\">Portada<\/a><\/aside>\n\t\t\t\t<h3 itemprop=\"headline\"><a href=\"https:\/\/www.psib-psoe.org\/mallorca\/el-grup-socialista-del-consell-de-mallorca-defensa-lalto-el-foc-immediat-a-gaza-el-reconeixement-de-palestina-i-limpuls-de-mesures-humanitaries-i-de-cooperacio-a-la-zona\/\" title=\"El Grup Socialista del Consell de Mallorca defensa l\u2019alto el foc immediat a Gaza, el reconeixement de Palestina i l\u2019impuls de mesures humanit\u00e0ries i de cooperaci\u00f3 a la zona.\">El Grup Socialista del Consell de Mallorca defensa l\u2019alto el foc immediat a Gaza, el reconeixement de Palestina i l\u2019impuls de mesures humanit\u00e0ries i de cooperaci\u00f3 a la zona.<\/a><\/h3>\n\t\t\t<\/header>\n\t\t<\/div>\n\t\t<div class=\"post-content\">\n\t\t\t<a href=\"https:\/\/www.psib-psoe.org\/mallorca\/el-grup-socialista-del-consell-de-mallorca-defensa-lalto-el-foc-immediat-a-gaza-el-reconeixement-de-palestina-i-limpuls-de-mesures-humanitaries-i-de-cooperacio-a-la-zona\/\" class=\"more-link\">Read More<\/a>\n\t\t<\/div>\n\t\t\t<aside class=\"post-bottom-meta hide\">\n\t\t<strong rel=\"author\" itemprop=\"author\" class=\"author vcard\"><span class=\"fn\">Albert<\/span><\/strong>\n\t\t<time class=\"date published time\" datetime=\"2025-10-04T10:34:53+02:00\" itemprop=\"datePublished\" content=\"2025-10-04T10:34:53+02:00\">04\/10\/2025<\/time>\n\t\t<meta itemprop=\"dateModified\" class=\"date updated\" content=\"2025-10-04T13:51:12+02:00\">\n\t\t<span class=\"hide\" itemprop=\"publisher\" itemscope itemtype=\"https:\/\/schema.org\/Organization\">\n\t\t\t<meta itemprop=\"name\" content=\"SocialistesdMca\">\n\t\t\t<span itemprop=\"logo\" itemscope itemtype=\"https:\/\/schema.org\/ImageObject\">\n\t\t\t\t<meta itemprop=\"url\" content=\"https:\/\/www.psib-psoe.org\/mallorca\/wp-content\/themes\/notio-wp\/assets\/img\/logo.png\">\n\t\t\t<\/span>\n\t\t\t<meta itemprop=\"url\" content=\"https:\/\/www.psib-psoe.org\/mallorca\/\">\n\t\t<\/span>\n\t\t\t\t<span class=\"hide\" itemprop=\"image\" itemscope itemtype=\"http:\/\/schema.org\/ImageObject\">\n\t\t\t<meta itemprop=\"url\" content=\"https:\/\/www.psib-psoe.org\/mallorca\/wp-content\/uploads\/Ple-110925.jpeg\">\n\t\t\t<meta itemprop=\"width\" content=\"1486\">\n\t\t\t<meta itemprop=\"height\" content=\"678\">\n\t\t<\/span>\n\t\t\t\t<meta itemscope itemprop=\"mainEntityOfPage\" itemtype=\"https:\/\/schema.org\/WebPage\" itemid=\"https:\/\/www.psib-psoe.org\/mallorca\/el-grup-socialista-del-consell-de-mallorca-defensa-lalto-el-foc-immediat-a-gaza-el-reconeixement-de-palestina-i-limpuls-de-mesures-humanitaries-i-de-cooperacio-a-la-zona\/\">\n\t<\/aside>\n\t\t<\/article>\n<\/div>\n<div class=\"small-12 large-4 columns\">\n\t<article itemscope itemtype=\"http:\/\/schema.org\/Article\" class=\"post blog-style7 alt post-30435 type-post status-publish format-standard has-post-thumbnail hentry category-federacio-de-mallorca category-federacio-de-mallorca-portada category-municipis category-portada tag-agrupacio-socialista-de-soller tag-amanda-fernandez tag-catalina-cladera tag-consell-de-mallorca tag-federacio-socialista-de-mallorca tag-jaume-mateu tag-mallorca tag-psib-psoe tag-sofia-alonso\" role=\"article\">\n\t\t<figure class=\"post-gallery\"><img loading=\"lazy\" decoding=\"async\" width=\"600\" height=\"400\" src=\"https:\/\/www.psib-psoe.org\/mallorca\/wp-content\/uploads\/250320-Executiva-Jaume-Mateu-600x400.jpg\" class=\"attachment-notio-general-x2 size-notio-general-x2 wp-post-image\" alt=\"\" srcset=\"https:\/\/www.psib-psoe.org\/mallorca\/wp-content\/uploads\/250320-Executiva-Jaume-Mateu-600x400.jpg 600w, https:\/\/www.psib-psoe.org\/mallorca\/wp-content\/uploads\/250320-Executiva-Jaume-Mateu-300x200.jpg 300w, https:\/\/www.psib-psoe.org\/mallorca\/wp-content\/uploads\/250320-Executiva-Jaume-Mateu-1024x683.jpg 1024w, https:\/\/www.psib-psoe.org\/mallorca\/wp-content\/uploads\/250320-Executiva-Jaume-Mateu-768x512.jpg 768w, https:\/\/www.psib-psoe.org\/mallorca\/wp-content\/uploads\/250320-Executiva-Jaume-Mateu-1536x1024.jpg 1536w, https:\/\/www.psib-psoe.org\/mallorca\/wp-content\/uploads\/250320-Executiva-Jaume-Mateu-2048x1365.jpg 2048w, https:\/\/www.psib-psoe.org\/mallorca\/wp-content\/uploads\/250320-Executiva-Jaume-Mateu-150x100.jpg 150w, https:\/\/www.psib-psoe.org\/mallorca\/wp-content\/uploads\/250320-Executiva-Jaume-Mateu-900x600.jpg 900w, https:\/\/www.psib-psoe.org\/mallorca\/wp-content\/uploads\/250320-Executiva-Jaume-Mateu-20x13.jpg 20w\" sizes=\"(max-width: 600px) 100vw, 600px\" \/><\/figure>\n\t\t<div class=\"blog-top\">\n\t\t\t<header class=\"post-title entry-header\">\n\t\t\t\t<aside class=\"post-meta cf\">\n\t\t03\/10\/2025 \/ <a href=\"https:\/\/www.psib-psoe.org\/mallorca\/category\/federacio-de-mallorca\/\" rel=\"category tag\">Federaci\u00f3 de Mallorca<\/a>, <a href=\"https:\/\/www.psib-psoe.org\/mallorca\/category\/federacio-de-mallorca-portada\/\" rel=\"category tag\">Federaci\u00f3 de Mallorca - Portada<\/a>, <a href=\"https:\/\/www.psib-psoe.org\/mallorca\/category\/municipis\/\" rel=\"category tag\">Municipis<\/a>, <a href=\"https:\/\/www.psib-psoe.org\/mallorca\/category\/portada\/\" rel=\"category tag\">Portada<\/a><\/aside>\n\t\t\t\t<h3 itemprop=\"headline\"><a href=\"https:\/\/www.psib-psoe.org\/mallorca\/el-pp-torna-a-fer-tard-en-la-proteccio-de-la-fabrica-nova-de-soller\/\" title=\"El PP torna a fer tard en la protecci\u00f3 de la F\u00e0brica Nova de S\u00f3ller.\">El PP torna a fer tard en la protecci\u00f3 de la F\u00e0brica Nova de S\u00f3ller.<\/a><\/h3>\n\t\t\t<\/header>\n\t\t<\/div>\n\t\t<div class=\"post-content\">\n\t\t\t<a href=\"https:\/\/www.psib-psoe.org\/mallorca\/el-pp-torna-a-fer-tard-en-la-proteccio-de-la-fabrica-nova-de-soller\/\" class=\"more-link\">Read More<\/a>\n\t\t<\/div>\n\t\t\t<aside class=\"post-bottom-meta hide\">\n\t\t<strong rel=\"author\" itemprop=\"author\" class=\"author vcard\"><span class=\"fn\">Albert<\/span><\/strong>\n\t\t<time class=\"date published time\" datetime=\"2025-10-03T14:05:14+02:00\" itemprop=\"datePublished\" content=\"2025-10-03T14:05:14+02:00\">03\/10\/2025<\/time>\n\t\t<meta itemprop=\"dateModified\" class=\"date updated\" content=\"2025-10-03T14:05:27+02:00\">\n\t\t<span class=\"hide\" itemprop=\"publisher\" itemscope itemtype=\"https:\/\/schema.org\/Organization\">\n\t\t\t<meta itemprop=\"name\" content=\"SocialistesdMca\">\n\t\t\t<span itemprop=\"logo\" itemscope itemtype=\"https:\/\/schema.org\/ImageObject\">\n\t\t\t\t<meta itemprop=\"url\" content=\"https:\/\/www.psib-psoe.org\/mallorca\/wp-content\/themes\/notio-wp\/assets\/img\/logo.png\">\n\t\t\t<\/span>\n\t\t\t<meta itemprop=\"url\" content=\"https:\/\/www.psib-psoe.org\/mallorca\/\">\n\t\t<\/span>\n\t\t\t\t<span class=\"hide\" itemprop=\"image\" itemscope itemtype=\"http:\/\/schema.org\/ImageObject\">\n\t\t\t<meta itemprop=\"url\" content=\"https:\/\/www.psib-psoe.org\/mallorca\/wp-content\/uploads\/250320-Executiva-Jaume-Mateu-scaled.jpg\">\n\t\t\t<meta itemprop=\"width\" content=\"2560\">\n\t\t\t<meta itemprop=\"height\" content=\"1707\">\n\t\t<\/span>\n\t\t\t\t<meta itemscope itemprop=\"mainEntityOfPage\" itemtype=\"https:\/\/schema.org\/WebPage\" itemid=\"https:\/\/www.psib-psoe.org\/mallorca\/el-pp-torna-a-fer-tard-en-la-proteccio-de-la-fabrica-nova-de-soller\/\">\n\t<\/aside>\n\t\t<\/article>\n<\/div>\n<div class=\"small-12 large-4 columns\">\n\t<article itemscope itemtype=\"http:\/\/schema.org\/Article\" class=\"post blog-style7 alt post-30430 type-post status-publish format-standard has-post-thumbnail hentry category-federacio-de-mallorca category-federacio-de-mallorca-portada category-municipis category-portada tag-amanda-fernandez tag-federacio-socialista-de-mallorca tag-inca tag-inca-som-tots tag-mallorca tag-psib-psoe tag-socialistes-dinca tag-virgilio-moreno\" role=\"article\">\n\t\t<figure class=\"post-gallery\"><img loading=\"lazy\" decoding=\"async\" width=\"600\" height=\"400\" src=\"https:\/\/www.psib-psoe.org\/mallorca\/wp-content\/uploads\/031025_Foto-grup-Socialistes-Inca-600x400.jpg\" class=\"attachment-notio-general-x2 size-notio-general-x2 wp-post-image\" alt=\"\" srcset=\"https:\/\/www.psib-psoe.org\/mallorca\/wp-content\/uploads\/031025_Foto-grup-Socialistes-Inca-600x400.jpg 600w, https:\/\/www.psib-psoe.org\/mallorca\/wp-content\/uploads\/031025_Foto-grup-Socialistes-Inca-300x200.jpg 300w, https:\/\/www.psib-psoe.org\/mallorca\/wp-content\/uploads\/031025_Foto-grup-Socialistes-Inca-900x600.jpg 900w, https:\/\/www.psib-psoe.org\/mallorca\/wp-content\/uploads\/031025_Foto-grup-Socialistes-Inca-20x13.jpg 20w\" sizes=\"(max-width: 600px) 100vw, 600px\" \/><\/figure>\n\t\t<div class=\"blog-top\">\n\t\t\t<header class=\"post-title entry-header\">\n\t\t\t\t<aside class=\"post-meta cf\">\n\t\t03\/10\/2025 \/ <a href=\"https:\/\/www.psib-psoe.org\/mallorca\/category\/federacio-de-mallorca\/\" rel=\"category tag\">Federaci\u00f3 de Mallorca<\/a>, <a href=\"https:\/\/www.psib-psoe.org\/mallorca\/category\/federacio-de-mallorca-portada\/\" rel=\"category tag\">Federaci\u00f3 de Mallorca - Portada<\/a>, <a href=\"https:\/\/www.psib-psoe.org\/mallorca\/category\/municipis\/\" rel=\"category tag\">Municipis<\/a>, <a href=\"https:\/\/www.psib-psoe.org\/mallorca\/category\/portada\/\" rel=\"category tag\">Portada<\/a><\/aside>\n\t\t\t\t<h3 itemprop=\"headline\"><a href=\"https:\/\/www.psib-psoe.org\/mallorca\/virgilio-moreno-reelegit-secretari-general-en-la-nova-executiva-dels-socialistes-dinca\/\" title=\"Virgilio Moreno reelegit secretari general en la nova executiva dels Socialistes d\u2019Inca\">Virgilio Moreno reelegit secretari general en la nova executiva dels Socialistes d\u2019Inca<\/a><\/h3>\n\t\t\t<\/header>\n\t\t<\/div>\n\t\t<div class=\"post-content\">\n\t\t\t<a href=\"https:\/\/www.psib-psoe.org\/mallorca\/virgilio-moreno-reelegit-secretari-general-en-la-nova-executiva-dels-socialistes-dinca\/\" class=\"more-link\">Read More<\/a>\n\t\t<\/div>\n\t\t\t<aside class=\"post-bottom-meta hide\">\n\t\t<strong rel=\"author\" itemprop=\"author\" class=\"author vcard\"><span class=\"fn\">Marc<\/span><\/strong>\n\t\t<time class=\"date published time\" datetime=\"2025-10-03T11:48:34+02:00\" itemprop=\"datePublished\" content=\"2025-10-03T11:48:34+02:00\">03\/10\/2025<\/time>\n\t\t<meta itemprop=\"dateModified\" class=\"date updated\" content=\"2025-10-03T11:48:46+02:00\">\n\t\t<span class=\"hide\" itemprop=\"publisher\" itemscope itemtype=\"https:\/\/schema.org\/Organization\">\n\t\t\t<meta itemprop=\"name\" content=\"SocialistesdMca\">\n\t\t\t<span itemprop=\"logo\" itemscope itemtype=\"https:\/\/schema.org\/ImageObject\">\n\t\t\t\t<meta itemprop=\"url\" content=\"https:\/\/www.psib-psoe.org\/mallorca\/wp-content\/themes\/notio-wp\/assets\/img\/logo.png\">\n\t\t\t<\/span>\n\t\t\t<meta itemprop=\"url\" content=\"https:\/\/www.psib-psoe.org\/mallorca\/\">\n\t\t<\/span>\n\t\t\t\t<span class=\"hide\" itemprop=\"image\" itemscope itemtype=\"http:\/\/schema.org\/ImageObject\">\n\t\t\t<meta itemprop=\"url\" content=\"https:\/\/www.psib-psoe.org\/mallorca\/wp-content\/uploads\/031025_Foto-grup-Socialistes-Inca-scaled.jpg\">\n\t\t\t<meta itemprop=\"width\" content=\"2560\">\n\t\t\t<meta itemprop=\"height\" content=\"1920\">\n\t\t<\/span>\n\t\t\t\t<meta itemscope itemprop=\"mainEntityOfPage\" itemtype=\"https:\/\/schema.org\/WebPage\" itemid=\"https:\/\/www.psib-psoe.org\/mallorca\/virgilio-moreno-reelegit-secretari-general-en-la-nova-executiva-dels-socialistes-dinca\/\">\n\t<\/aside>\n\t\t<\/article>\n<\/div>\n<div class=\"small-12 large-4 columns\">\n\t<article itemscope itemtype=\"http:\/\/schema.org\/Article\" class=\"post blog-style7 alt post-30426 type-post status-publish format-standard has-post-thumbnail hentry category-federacio-de-mallorca category-federacio-de-mallorca-portada category-municipis category-portada tag-amanda-fernandez tag-federacio-socialista-de-mallorca tag-jaume-mateu tag-mallorca tag-psib-psoe tag-soller-2\" role=\"article\">\n\t\t<figure class=\"post-gallery\"><img loading=\"lazy\" decoding=\"async\" width=\"600\" height=\"400\" src=\"https:\/\/www.psib-psoe.org\/mallorca\/wp-content\/uploads\/250320-Executiva-Jaume-Mateu-600x400.jpg\" class=\"attachment-notio-general-x2 size-notio-general-x2 wp-post-image\" alt=\"\" srcset=\"https:\/\/www.psib-psoe.org\/mallorca\/wp-content\/uploads\/250320-Executiva-Jaume-Mateu-600x400.jpg 600w, https:\/\/www.psib-psoe.org\/mallorca\/wp-content\/uploads\/250320-Executiva-Jaume-Mateu-300x200.jpg 300w, https:\/\/www.psib-psoe.org\/mallorca\/wp-content\/uploads\/250320-Executiva-Jaume-Mateu-1024x683.jpg 1024w, https:\/\/www.psib-psoe.org\/mallorca\/wp-content\/uploads\/250320-Executiva-Jaume-Mateu-768x512.jpg 768w, https:\/\/www.psib-psoe.org\/mallorca\/wp-content\/uploads\/250320-Executiva-Jaume-Mateu-1536x1024.jpg 1536w, https:\/\/www.psib-psoe.org\/mallorca\/wp-content\/uploads\/250320-Executiva-Jaume-Mateu-2048x1365.jpg 2048w, https:\/\/www.psib-psoe.org\/mallorca\/wp-content\/uploads\/250320-Executiva-Jaume-Mateu-150x100.jpg 150w, https:\/\/www.psib-psoe.org\/mallorca\/wp-content\/uploads\/250320-Executiva-Jaume-Mateu-900x600.jpg 900w, https:\/\/www.psib-psoe.org\/mallorca\/wp-content\/uploads\/250320-Executiva-Jaume-Mateu-20x13.jpg 20w\" sizes=\"(max-width: 600px) 100vw, 600px\" \/><\/figure>\n\t\t<div class=\"blog-top\">\n\t\t\t<header class=\"post-title entry-header\">\n\t\t\t\t<aside class=\"post-meta cf\">\n\t\t02\/10\/2025 \/ <a href=\"https:\/\/www.psib-psoe.org\/mallorca\/category\/federacio-de-mallorca\/\" rel=\"category tag\">Federaci\u00f3 de Mallorca<\/a>, <a href=\"https:\/\/www.psib-psoe.org\/mallorca\/category\/federacio-de-mallorca-portada\/\" rel=\"category tag\">Federaci\u00f3 de Mallorca - Portada<\/a>, <a href=\"https:\/\/www.psib-psoe.org\/mallorca\/category\/municipis\/\" rel=\"category tag\">Municipis<\/a>, <a href=\"https:\/\/www.psib-psoe.org\/mallorca\/category\/portada\/\" rel=\"category tag\">Portada<\/a><\/aside>\n\t\t\t\t<h3 itemprop=\"headline\"><a href=\"https:\/\/www.psib-psoe.org\/mallorca\/els-socialistes-de-soller-consideren-que-la-dimissio-del-regidor-durbanisme-confirma-la-forta-divisio-interna-de-lequip-de-govern\/\" title=\"Els Socialistes de S\u00f3ller consideren que la dimissi\u00f3 del regidor d\u2019Urbanisme confirma la forta divisi\u00f3 interna de l\u2019equip de\u00a0govern\">Els Socialistes de S\u00f3ller consideren que la dimissi\u00f3 del regidor d\u2019Urbanisme confirma la forta divisi\u00f3 interna de l\u2019equip de\u00a0govern<\/a><\/h3>\n\t\t\t<\/header>\n\t\t<\/div>\n\t\t<div class=\"post-content\">\n\t\t\t<a href=\"https:\/\/www.psib-psoe.org\/mallorca\/els-socialistes-de-soller-consideren-que-la-dimissio-del-regidor-durbanisme-confirma-la-forta-divisio-interna-de-lequip-de-govern\/\" class=\"more-link\">Read More<\/a>\n\t\t<\/div>\n\t\t\t<aside class=\"post-bottom-meta hide\">\n\t\t<strong rel=\"author\" itemprop=\"author\" class=\"author vcard\"><span class=\"fn\">Marc<\/span><\/strong>\n\t\t<time class=\"date published time\" datetime=\"2025-10-02T18:13:29+02:00\" itemprop=\"datePublished\" content=\"2025-10-02T18:13:29+02:00\">02\/10\/2025<\/time>\n\t\t<meta itemprop=\"dateModified\" class=\"date updated\" content=\"2025-10-02T18:13:41+02:00\">\n\t\t<span class=\"hide\" itemprop=\"publisher\" itemscope itemtype=\"https:\/\/schema.org\/Organization\">\n\t\t\t<meta itemprop=\"name\" content=\"SocialistesdMca\">\n\t\t\t<span itemprop=\"logo\" itemscope itemtype=\"https:\/\/schema.org\/ImageObject\">\n\t\t\t\t<meta itemprop=\"url\" content=\"https:\/\/www.psib-psoe.org\/mallorca\/wp-content\/themes\/notio-wp\/assets\/img\/logo.png\">\n\t\t\t<\/span>\n\t\t\t<meta itemprop=\"url\" content=\"https:\/\/www.psib-psoe.org\/mallorca\/\">\n\t\t<\/span>\n\t\t\t\t<span class=\"hide\" itemprop=\"image\" itemscope itemtype=\"http:\/\/schema.org\/ImageObject\">\n\t\t\t<meta itemprop=\"url\" content=\"https:\/\/www.psib-psoe.org\/mallorca\/wp-content\/uploads\/250320-Executiva-Jaume-Mateu-scaled.jpg\">\n\t\t\t<meta itemprop=\"width\" content=\"2560\">\n\t\t\t<meta itemprop=\"height\" content=\"1707\">\n\t\t<\/span>\n\t\t\t\t<meta itemscope itemprop=\"mainEntityOfPage\" itemtype=\"https:\/\/schema.org\/WebPage\" itemid=\"https:\/\/www.psib-psoe.org\/mallorca\/els-socialistes-de-soller-consideren-que-la-dimissio-del-regidor-durbanisme-confirma-la-forta-divisio-interna-de-lequip-de-govern\/\">\n\t<\/aside>\n\t\t<\/article>\n<\/div>\n<div class=\"small-12 large-4 columns\">\n\t<article itemscope itemtype=\"http:\/\/schema.org\/Article\" class=\"post blog-style7 alt post-30421 type-post status-publish format-standard has-post-thumbnail hentry category-consell-de-mallorca category-federacio-de-mallorca category-federacio-de-mallorca-portada category-municipis category-portada tag-amanda-fernandez tag-andreu-serra tag-bea-gamundi tag-biel-alomar tag-catalina-cladera tag-consell-de-mallorca tag-federacio-socialista-de-mallorca tag-jaume-mateu tag-joan-ferrer tag-joan-mendez-2 tag-juana-m-adrover tag-mallorca tag-psib-psoe tag-sofia-alonso\" role=\"article\">\n\t\t<figure class=\"post-gallery\"><img loading=\"lazy\" decoding=\"async\" width=\"600\" height=\"400\" src=\"https:\/\/www.psib-psoe.org\/mallorca\/wp-content\/uploads\/Cladera-rdp-021025-600x400.jpeg\" class=\"attachment-notio-general-x2 size-notio-general-x2 wp-post-image\" alt=\"\" srcset=\"https:\/\/www.psib-psoe.org\/mallorca\/wp-content\/uploads\/Cladera-rdp-021025-600x400.jpeg 600w, https:\/\/www.psib-psoe.org\/mallorca\/wp-content\/uploads\/Cladera-rdp-021025-300x200.jpeg 300w, https:\/\/www.psib-psoe.org\/mallorca\/wp-content\/uploads\/Cladera-rdp-021025-900x600.jpeg 900w, https:\/\/www.psib-psoe.org\/mallorca\/wp-content\/uploads\/Cladera-rdp-021025-20x13.jpeg 20w\" sizes=\"(max-width: 600px) 100vw, 600px\" \/><\/figure>\n\t\t<div class=\"blog-top\">\n\t\t\t<header class=\"post-title entry-header\">\n\t\t\t\t<aside class=\"post-meta cf\">\n\t\t02\/10\/2025 \/ <a href=\"https:\/\/www.psib-psoe.org\/mallorca\/category\/consell-de-mallorca\/\" rel=\"category tag\">Consell de Mallorca<\/a>, <a href=\"https:\/\/www.psib-psoe.org\/mallorca\/category\/federacio-de-mallorca\/\" rel=\"category tag\">Federaci\u00f3 de Mallorca<\/a>, <a href=\"https:\/\/www.psib-psoe.org\/mallorca\/category\/federacio-de-mallorca-portada\/\" rel=\"category tag\">Federaci\u00f3 de Mallorca - Portada<\/a>, <a href=\"https:\/\/www.psib-psoe.org\/mallorca\/category\/municipis\/\" rel=\"category tag\">Municipis<\/a>, <a href=\"https:\/\/www.psib-psoe.org\/mallorca\/category\/portada\/\" rel=\"category tag\">Portada<\/a><\/aside>\n\t\t\t\t<h3 itemprop=\"headline\"><a href=\"https:\/\/www.psib-psoe.org\/mallorca\/el-grup-socialista-demanara-de-nou-la-reprovacio-de-la-portaveu-del-pp-al-consell-nuria-riera-per-robar-i-estafar-als-ciutadans-de-mallorca\/\" title=\"El Grup Socialista demanar\u00e0 de nou la reprovaci\u00f3 de la portaveu del PP al Consell, N\u00faria Riera, \u201cper robar i estafar als ciutadans de Mallorca\u201d.\">El Grup Socialista demanar\u00e0 de nou la reprovaci\u00f3 de la portaveu del PP al Consell, N\u00faria Riera, \u201cper robar i estafar als ciutadans de Mallorca\u201d.<\/a><\/h3>\n\t\t\t<\/header>\n\t\t<\/div>\n\t\t<div class=\"post-content\">\n\t\t\t<a href=\"https:\/\/www.psib-psoe.org\/mallorca\/el-grup-socialista-demanara-de-nou-la-reprovacio-de-la-portaveu-del-pp-al-consell-nuria-riera-per-robar-i-estafar-als-ciutadans-de-mallorca\/\" class=\"more-link\">Read More<\/a>\n\t\t<\/div>\n\t\t\t<aside class=\"post-bottom-meta hide\">\n\t\t<strong rel=\"author\" itemprop=\"author\" class=\"author vcard\"><span class=\"fn\">Albert<\/span><\/strong>\n\t\t<time class=\"date published time\" datetime=\"2025-10-02T13:41:14+02:00\" itemprop=\"datePublished\" content=\"2025-10-02T13:41:14+02:00\">02\/10\/2025<\/time>\n\t\t<meta itemprop=\"dateModified\" class=\"date updated\" content=\"2025-10-02T13:41:27+02:00\">\n\t\t<span class=\"hide\" itemprop=\"publisher\" itemscope itemtype=\"https:\/\/schema.org\/Organization\">\n\t\t\t<meta itemprop=\"name\" content=\"SocialistesdMca\">\n\t\t\t<span itemprop=\"logo\" itemscope itemtype=\"https:\/\/schema.org\/ImageObject\">\n\t\t\t\t<meta itemprop=\"url\" content=\"https:\/\/www.psib-psoe.org\/mallorca\/wp-content\/themes\/notio-wp\/assets\/img\/logo.png\">\n\t\t\t<\/span>\n\t\t\t<meta itemprop=\"url\" content=\"https:\/\/www.psib-psoe.org\/mallorca\/\">\n\t\t<\/span>\n\t\t\t\t<span class=\"hide\" itemprop=\"image\" itemscope itemtype=\"http:\/\/schema.org\/ImageObject\">\n\t\t\t<meta itemprop=\"url\" content=\"https:\/\/www.psib-psoe.org\/mallorca\/wp-content\/uploads\/Cladera-rdp-021025-scaled.jpeg\">\n\t\t\t<meta itemprop=\"width\" content=\"1920\">\n\t\t\t<meta itemprop=\"height\" content=\"2560\">\n\t\t<\/span>\n\t\t\t\t<meta itemscope itemprop=\"mainEntityOfPage\" itemtype=\"https:\/\/schema.org\/WebPage\" itemid=\"https:\/\/www.psib-psoe.org\/mallorca\/el-grup-socialista-demanara-de-nou-la-reprovacio-de-la-portaveu-del-pp-al-consell-nuria-riera-per-robar-i-estafar-als-ciutadans-de-mallorca\/\">\n\t<\/aside>\n\t\t<\/article>\n<\/div>\n<div class=\"small-12 large-4 columns\">\n\t<article itemscope itemtype=\"http:\/\/schema.org\/Article\" class=\"post blog-style7 alt post-30417 type-post status-publish format-standard has-post-thumbnail hentry category-consell-de-mallorca category-federacio-de-mallorca category-federacio-de-mallorca-portada category-municipis category-portada tag-amanda-fernandez tag-andreu-serra tag-bea-gamundi tag-biel-alomar tag-catalina-cladera tag-consell-de-mallorca tag-federacio-socialista-de-mallorca tag-jaume-mateu tag-joan-ferrer tag-joan-mendez-2 tag-juana-m-adrover tag-mallorca tag-psib-psoe tag-sofia-alonso\" role=\"article\">\n\t\t<figure class=\"post-gallery\"><img loading=\"lazy\" decoding=\"async\" width=\"600\" height=\"400\" src=\"https:\/\/www.psib-psoe.org\/mallorca\/wp-content\/uploads\/Grup-DPG-2025-2-2-600x400.jpg\" class=\"attachment-notio-general-x2 size-notio-general-x2 wp-post-image\" alt=\"\" srcset=\"https:\/\/www.psib-psoe.org\/mallorca\/wp-content\/uploads\/Grup-DPG-2025-2-2-600x400.jpg 600w, https:\/\/www.psib-psoe.org\/mallorca\/wp-content\/uploads\/Grup-DPG-2025-2-2-300x200.jpg 300w, https:\/\/www.psib-psoe.org\/mallorca\/wp-content\/uploads\/Grup-DPG-2025-2-2-900x600.jpg 900w, https:\/\/www.psib-psoe.org\/mallorca\/wp-content\/uploads\/Grup-DPG-2025-2-2-20x13.jpg 20w\" sizes=\"(max-width: 600px) 100vw, 600px\" \/><\/figure>\n\t\t<div class=\"blog-top\">\n\t\t\t<header class=\"post-title entry-header\">\n\t\t\t\t<aside class=\"post-meta cf\">\n\t\t01\/10\/2025 \/ <a href=\"https:\/\/www.psib-psoe.org\/mallorca\/category\/consell-de-mallorca\/\" rel=\"category tag\">Consell de Mallorca<\/a>, <a href=\"https:\/\/www.psib-psoe.org\/mallorca\/category\/federacio-de-mallorca\/\" rel=\"category tag\">Federaci\u00f3 de Mallorca<\/a>, <a href=\"https:\/\/www.psib-psoe.org\/mallorca\/category\/federacio-de-mallorca-portada\/\" rel=\"category tag\">Federaci\u00f3 de Mallorca - Portada<\/a>, <a href=\"https:\/\/www.psib-psoe.org\/mallorca\/category\/municipis\/\" rel=\"category tag\">Municipis<\/a>, <a href=\"https:\/\/www.psib-psoe.org\/mallorca\/category\/portada\/\" rel=\"category tag\">Portada<\/a><\/aside>\n\t\t\t\t<h3 itemprop=\"headline\"><a href=\"https:\/\/www.psib-psoe.org\/mallorca\/el-grup-socialista-lamenta-el-passotisme-total-del-consell-de-mallorca-ppvox-en-el-conflicte-al-sector-ramader-amb-agama\/\" title=\"El Grup Socialista lamenta el \u201cpassotisme total del Consell de Mallorca PPVox\u201d en el conflicte al sector ramader amb AGAMA.\">El Grup Socialista lamenta el \u201cpassotisme total del Consell de Mallorca PPVox\u201d en el conflicte al sector ramader amb AGAMA.<\/a><\/h3>\n\t\t\t<\/header>\n\t\t<\/div>\n\t\t<div class=\"post-content\">\n\t\t\t<a href=\"https:\/\/www.psib-psoe.org\/mallorca\/el-grup-socialista-lamenta-el-passotisme-total-del-consell-de-mallorca-ppvox-en-el-conflicte-al-sector-ramader-amb-agama\/\" class=\"more-link\">Read More<\/a>\n\t\t<\/div>\n\t\t\t<aside class=\"post-bottom-meta hide\">\n\t\t<strong rel=\"author\" itemprop=\"author\" class=\"author vcard\"><span class=\"fn\">Albert<\/span><\/strong>\n\t\t<time class=\"date published time\" datetime=\"2025-10-01T14:34:33+02:00\" itemprop=\"datePublished\" content=\"2025-10-01T14:34:33+02:00\">01\/10\/2025<\/time>\n\t\t<meta itemprop=\"dateModified\" class=\"date updated\" content=\"2025-10-01T15:31:03+02:00\">\n\t\t<span class=\"hide\" itemprop=\"publisher\" itemscope itemtype=\"https:\/\/schema.org\/Organization\">\n\t\t\t<meta itemprop=\"name\" content=\"SocialistesdMca\">\n\t\t\t<span itemprop=\"logo\" itemscope itemtype=\"https:\/\/schema.org\/ImageObject\">\n\t\t\t\t<meta itemprop=\"url\" content=\"https:\/\/www.psib-psoe.org\/mallorca\/wp-content\/themes\/notio-wp\/assets\/img\/logo.png\">\n\t\t\t<\/span>\n\t\t\t<meta itemprop=\"url\" content=\"https:\/\/www.psib-psoe.org\/mallorca\/\">\n\t\t<\/span>\n\t\t\t\t<span class=\"hide\" itemprop=\"image\" itemscope itemtype=\"http:\/\/schema.org\/ImageObject\">\n\t\t\t<meta itemprop=\"url\" content=\"https:\/\/www.psib-psoe.org\/mallorca\/wp-content\/uploads\/Grup-DPG-2025-2-2.jpg\">\n\t\t\t<meta itemprop=\"width\" content=\"1328\">\n\t\t\t<meta itemprop=\"height\" content=\"614\">\n\t\t<\/span>\n\t\t\t\t<meta itemscope itemprop=\"mainEntityOfPage\" itemtype=\"https:\/\/schema.org\/WebPage\" itemid=\"https:\/\/www.psib-psoe.org\/mallorca\/el-grup-socialista-lamenta-el-passotisme-total-del-consell-de-mallorca-ppvox-en-el-conflicte-al-sector-ramader-amb-agama\/\">\n\t<\/aside>\n\t\t<\/article>\n<\/div>\n<div class=\"small-12 large-4 columns\">\n\t<article itemscope itemtype=\"http:\/\/schema.org\/Article\" class=\"post blog-style7 alt post-30413 type-post status-publish format-standard has-post-thumbnail hentry category-consell-de-mallorca category-federacio-de-mallorca category-federacio-de-mallorca-portada category-municipis category-portada tag-amanda-fernandez tag-andreu-serra tag-bea-gamundi tag-biel-alomar tag-catalina-cladera tag-consell-de-mallorca tag-federacio-socialista-de-mallorca tag-jaume-mateu tag-joan-ferrer tag-joan-mendez-2 tag-juana-m-adrover tag-mallorca tag-psib-psoe tag-sofia-alonso\" role=\"article\">\n\t\t<figure class=\"post-gallery\"><img loading=\"lazy\" decoding=\"async\" width=\"600\" height=\"400\" src=\"https:\/\/www.psib-psoe.org\/mallorca\/wp-content\/uploads\/Andreu-Serra-600x400.jpeg\" class=\"attachment-notio-general-x2 size-notio-general-x2 wp-post-image\" alt=\"\" srcset=\"https:\/\/www.psib-psoe.org\/mallorca\/wp-content\/uploads\/Andreu-Serra-600x400.jpeg 600w, https:\/\/www.psib-psoe.org\/mallorca\/wp-content\/uploads\/Andreu-Serra-300x200.jpeg 300w, https:\/\/www.psib-psoe.org\/mallorca\/wp-content\/uploads\/Andreu-Serra-900x600.jpeg 900w, https:\/\/www.psib-psoe.org\/mallorca\/wp-content\/uploads\/Andreu-Serra-20x13.jpeg 20w\" sizes=\"(max-width: 600px) 100vw, 600px\" \/><\/figure>\n\t\t<div class=\"blog-top\">\n\t\t\t<header class=\"post-title entry-header\">\n\t\t\t\t<aside class=\"post-meta cf\">\n\t\t01\/10\/2025 \/ <a href=\"https:\/\/www.psib-psoe.org\/mallorca\/category\/consell-de-mallorca\/\" rel=\"category tag\">Consell de Mallorca<\/a>, <a href=\"https:\/\/www.psib-psoe.org\/mallorca\/category\/federacio-de-mallorca\/\" rel=\"category tag\">Federaci\u00f3 de Mallorca<\/a>, <a href=\"https:\/\/www.psib-psoe.org\/mallorca\/category\/federacio-de-mallorca-portada\/\" rel=\"category tag\">Federaci\u00f3 de Mallorca - Portada<\/a>, <a href=\"https:\/\/www.psib-psoe.org\/mallorca\/category\/municipis\/\" rel=\"category tag\">Municipis<\/a>, <a href=\"https:\/\/www.psib-psoe.org\/mallorca\/category\/portada\/\" rel=\"category tag\">Portada<\/a><\/aside>\n\t\t\t\t<h3 itemprop=\"headline\"><a href=\"https:\/\/www.psib-psoe.org\/mallorca\/el-grup-socialista-denuncia-el-caos-i-exigeix-responsabilitats-a-marcial-rodriguez-pel-fracas-de-la-convocatoria-de-1-500-places-dallotjament-turistic-que-ara-es-pretenen-adjudicar-per-sortei\/\" title=\"El Grup Socialista denuncia el caos i exigeix responsabilitats a Marcial Rodr\u00edguez pel frac\u00e0s de la convocat\u00f2ria de 1.500 places d\u2019allotjament tur\u00edstic que ara es pretenen adjudicar per sorteig.\">El Grup Socialista denuncia el caos i exigeix responsabilitats a Marcial Rodr\u00edguez pel frac\u00e0s de la convocat\u00f2ria de 1.500 places d\u2019allotjament tur\u00edstic que ara es pretenen adjudicar per sorteig.<\/a><\/h3>\n\t\t\t<\/header>\n\t\t<\/div>\n\t\t<div class=\"post-content\">\n\t\t\t<a href=\"https:\/\/www.psib-psoe.org\/mallorca\/el-grup-socialista-denuncia-el-caos-i-exigeix-responsabilitats-a-marcial-rodriguez-pel-fracas-de-la-convocatoria-de-1-500-places-dallotjament-turistic-que-ara-es-pretenen-adjudicar-per-sortei\/\" class=\"more-link\">Read More<\/a>\n\t\t<\/div>\n\t\t\t<aside class=\"post-bottom-meta hide\">\n\t\t<strong rel=\"author\" itemprop=\"author\" class=\"author vcard\"><span class=\"fn\">Albert<\/span><\/strong>\n\t\t<time class=\"date published time\" datetime=\"2025-10-01T11:01:19+02:00\" itemprop=\"datePublished\" content=\"2025-10-01T11:01:19+02:00\">01\/10\/2025<\/time>\n\t\t<meta itemprop=\"dateModified\" class=\"date updated\" content=\"2025-10-01T11:01:31+02:00\">\n\t\t<span class=\"hide\" itemprop=\"publisher\" itemscope itemtype=\"https:\/\/schema.org\/Organization\">\n\t\t\t<meta itemprop=\"name\" content=\"SocialistesdMca\">\n\t\t\t<span itemprop=\"logo\" itemscope itemtype=\"https:\/\/schema.org\/ImageObject\">\n\t\t\t\t<meta itemprop=\"url\" content=\"https:\/\/www.psib-psoe.org\/mallorca\/wp-content\/themes\/notio-wp\/assets\/img\/logo.png\">\n\t\t\t<\/span>\n\t\t\t<meta itemprop=\"url\" content=\"https:\/\/www.psib-psoe.org\/mallorca\/\">\n\t\t<\/span>\n\t\t\t\t<span class=\"hide\" itemprop=\"image\" itemscope itemtype=\"http:\/\/schema.org\/ImageObject\">\n\t\t\t<meta itemprop=\"url\" content=\"https:\/\/www.psib-psoe.org\/mallorca\/wp-content\/uploads\/Andreu-Serra.jpeg\">\n\t\t\t<meta itemprop=\"width\" content=\"1310\">\n\t\t\t<meta itemprop=\"height\" content=\"1645\">\n\t\t<\/span>\n\t\t\t\t<meta itemscope itemprop=\"mainEntityOfPage\" itemtype=\"https:\/\/schema.org\/WebPage\" itemid=\"https:\/\/www.psib-psoe.org\/mallorca\/el-grup-socialista-denuncia-el-caos-i-exigeix-responsabilitats-a-marcial-rodriguez-pel-fracas-de-la-convocatoria-de-1-500-places-dallotjament-turistic-que-ara-es-pretenen-adjudicar-per-sortei\/\">\n\t<\/aside>\n\t\t<\/article>\n<\/div>\n<div class=\"small-12 large-4 columns\">\n\t<article itemscope itemtype=\"http:\/\/schema.org\/Article\" class=\"post blog-style7 alt post-30411 type-post status-publish format-standard has-post-thumbnail hentry category-federacio-de-mallorca category-federacio-de-mallorca-portada category-municipis category-portada tag-amanda-fernandez tag-bernat-roig tag-catalina-cladera tag-consell-de-mallorca tag-endavant tag-federacio-socialista-de-mallorca tag-mercedes-salas tag-psib-psoe\" role=\"article\">\n\t\t<figure class=\"post-gallery\"><img loading=\"lazy\" decoding=\"async\" width=\"600\" height=\"400\" src=\"https:\/\/www.psib-psoe.org\/mallorca\/wp-content\/uploads\/Logo-Endavant-Ses-Salines-i-Colonia-Sant-Jordi-600x400.jpg\" class=\"attachment-notio-general-x2 size-notio-general-x2 wp-post-image\" alt=\"\" srcset=\"https:\/\/www.psib-psoe.org\/mallorca\/wp-content\/uploads\/Logo-Endavant-Ses-Salines-i-Colonia-Sant-Jordi-600x400.jpg 600w, https:\/\/www.psib-psoe.org\/mallorca\/wp-content\/uploads\/Logo-Endavant-Ses-Salines-i-Colonia-Sant-Jordi-300x200.jpg 300w, https:\/\/www.psib-psoe.org\/mallorca\/wp-content\/uploads\/Logo-Endavant-Ses-Salines-i-Colonia-Sant-Jordi-20x13.jpg 20w\" sizes=\"(max-width: 600px) 100vw, 600px\" \/><\/figure>\n\t\t<div class=\"blog-top\">\n\t\t\t<header class=\"post-title entry-header\">\n\t\t\t\t<aside class=\"post-meta cf\">\n\t\t30\/09\/2025 \/ <a href=\"https:\/\/www.psib-psoe.org\/mallorca\/category\/federacio-de-mallorca\/\" rel=\"category tag\">Federaci\u00f3 de Mallorca<\/a>, <a href=\"https:\/\/www.psib-psoe.org\/mallorca\/category\/federacio-de-mallorca-portada\/\" rel=\"category tag\">Federaci\u00f3 de Mallorca - Portada<\/a>, <a href=\"https:\/\/www.psib-psoe.org\/mallorca\/category\/municipis\/\" rel=\"category tag\">Municipis<\/a>, <a href=\"https:\/\/www.psib-psoe.org\/mallorca\/category\/portada\/\" rel=\"category tag\">Portada<\/a><\/aside>\n\t\t\t\t<h3 itemprop=\"headline\"><a href=\"https:\/\/www.psib-psoe.org\/mallorca\/endavant-per-ses-salines-i-colonia-de-sant-jordi-denuncia-la-intencio-de-lequip-de-govern-de-tornar-a-canviar-lhorari-dels-plens-de-la-junta-de-districte\/\" title=\"Endavant per Ses Salines i Col\u00f2nia de Sant Jordi denuncia la intenci\u00f3 de l\u2019equip de govern de tornar a canviar l\u2019horari dels plens de la Junta de Districte\">Endavant per Ses Salines i Col\u00f2nia de Sant Jordi denuncia la intenci\u00f3 de l\u2019equip de govern de tornar a canviar l\u2019horari dels plens de la Junta de Districte<\/a><\/h3>\n\t\t\t<\/header>\n\t\t<\/div>\n\t\t<div class=\"post-content\">\n\t\t\t<a href=\"https:\/\/www.psib-psoe.org\/mallorca\/endavant-per-ses-salines-i-colonia-de-sant-jordi-denuncia-la-intencio-de-lequip-de-govern-de-tornar-a-canviar-lhorari-dels-plens-de-la-junta-de-districte\/\" class=\"more-link\">Read More<\/a>\n\t\t<\/div>\n\t\t\t<aside class=\"post-bottom-meta hide\">\n\t\t<strong rel=\"author\" itemprop=\"author\" class=\"author vcard\"><span class=\"fn\">Albert<\/span><\/strong>\n\t\t<time class=\"date published time\" datetime=\"2025-09-30T18:35:43+02:00\" itemprop=\"datePublished\" content=\"2025-09-30T18:35:43+02:00\">30\/09\/2025<\/time>\n\t\t<meta itemprop=\"dateModified\" class=\"date updated\" content=\"2025-09-30T18:35:55+02:00\">\n\t\t<span class=\"hide\" itemprop=\"publisher\" itemscope itemtype=\"https:\/\/schema.org\/Organization\">\n\t\t\t<meta itemprop=\"name\" content=\"SocialistesdMca\">\n\t\t\t<span itemprop=\"logo\" itemscope itemtype=\"https:\/\/schema.org\/ImageObject\">\n\t\t\t\t<meta itemprop=\"url\" content=\"https:\/\/www.psib-psoe.org\/mallorca\/wp-content\/themes\/notio-wp\/assets\/img\/logo.png\">\n\t\t\t<\/span>\n\t\t\t<meta itemprop=\"url\" content=\"https:\/\/www.psib-psoe.org\/mallorca\/\">\n\t\t<\/span>\n\t\t\t\t<span class=\"hide\" itemprop=\"image\" itemscope itemtype=\"http:\/\/schema.org\/ImageObject\">\n\t\t\t<meta itemprop=\"url\" content=\"https:\/\/www.psib-psoe.org\/mallorca\/wp-content\/uploads\/Logo-Endavant-Ses-Salines-i-Colonia-Sant-Jordi.jpg\">\n\t\t\t<meta itemprop=\"width\" content=\"1179\">\n\t\t\t<meta itemprop=\"height\" content=\"440\">\n\t\t<\/span>\n\t\t\t\t<meta itemscope itemprop=\"mainEntityOfPage\" itemtype=\"https:\/\/schema.org\/WebPage\" itemid=\"https:\/\/www.psib-psoe.org\/mallorca\/endavant-per-ses-salines-i-colonia-de-sant-jordi-denuncia-la-intencio-de-lequip-de-govern-de-tornar-a-canviar-lhorari-dels-plens-de-la-junta-de-districte\/\">\n\t<\/aside>\n\t\t<\/article>\n<\/div>\n<div class=\"small-12 large-4 columns\">\n\t<article itemscope itemtype=\"http:\/\/schema.org\/Article\" class=\"post blog-style7 alt post-30407 type-post status-publish format-standard has-post-thumbnail hentry category-consell-de-mallorca category-federacio-de-mallorca category-federacio-de-mallorca-portada category-municipis category-portada tag-amanda-fernandez tag-andreu-serra tag-bea-gamundi tag-biel-alomar tag-catalina-cladera tag-consell-de-mallorca tag-federacio-socialista-de-mallorca tag-jaume-mateu tag-joan-ferrer tag-juana-m-adrover tag-mallorca tag-palma tag-pepe-martinez tag-psib-psoe tag-sofia-alonso\" role=\"article\">\n\t\t<figure class=\"post-gallery\"><img loading=\"lazy\" decoding=\"async\" width=\"600\" height=\"400\" src=\"https:\/\/www.psib-psoe.org\/mallorca\/wp-content\/uploads\/Joan-Ferrer-bo-600x400.jpeg\" class=\"attachment-notio-general-x2 size-notio-general-x2 wp-post-image\" alt=\"\" srcset=\"https:\/\/www.psib-psoe.org\/mallorca\/wp-content\/uploads\/Joan-Ferrer-bo-600x400.jpeg 600w, https:\/\/www.psib-psoe.org\/mallorca\/wp-content\/uploads\/Joan-Ferrer-bo-300x200.jpeg 300w, https:\/\/www.psib-psoe.org\/mallorca\/wp-content\/uploads\/Joan-Ferrer-bo-1024x682.jpeg 1024w, https:\/\/www.psib-psoe.org\/mallorca\/wp-content\/uploads\/Joan-Ferrer-bo-768x512.jpeg 768w, https:\/\/www.psib-psoe.org\/mallorca\/wp-content\/uploads\/Joan-Ferrer-bo-1536x1024.jpeg 1536w, https:\/\/www.psib-psoe.org\/mallorca\/wp-content\/uploads\/Joan-Ferrer-bo-2048x1365.jpeg 2048w, https:\/\/www.psib-psoe.org\/mallorca\/wp-content\/uploads\/Joan-Ferrer-bo-150x100.jpeg 150w, https:\/\/www.psib-psoe.org\/mallorca\/wp-content\/uploads\/Joan-Ferrer-bo-900x600.jpeg 900w, https:\/\/www.psib-psoe.org\/mallorca\/wp-content\/uploads\/Joan-Ferrer-bo-20x13.jpeg 20w\" sizes=\"(max-width: 600px) 100vw, 600px\" \/><\/figure>\n\t\t<div class=\"blog-top\">\n\t\t\t<header class=\"post-title entry-header\">\n\t\t\t\t<aside class=\"post-meta cf\">\n\t\t30\/09\/2025 \/ <a href=\"https:\/\/www.psib-psoe.org\/mallorca\/category\/consell-de-mallorca\/\" rel=\"category tag\">Consell de Mallorca<\/a>, <a href=\"https:\/\/www.psib-psoe.org\/mallorca\/category\/federacio-de-mallorca\/\" rel=\"category tag\">Federaci\u00f3 de Mallorca<\/a>, <a href=\"https:\/\/www.psib-psoe.org\/mallorca\/category\/federacio-de-mallorca-portada\/\" rel=\"category tag\">Federaci\u00f3 de Mallorca - Portada<\/a>, <a href=\"https:\/\/www.psib-psoe.org\/mallorca\/category\/municipis\/\" rel=\"category tag\">Municipis<\/a>, <a href=\"https:\/\/www.psib-psoe.org\/mallorca\/category\/portada\/\" rel=\"category tag\">Portada<\/a><\/aside>\n\t\t\t\t<h3 itemprop=\"headline\"><a href=\"https:\/\/www.psib-psoe.org\/mallorca\/joan-ferrer-sa-feixina-es-un-monument-franquista-i-protegir-lo-es-una-vergonya-democratica\/\" title=\"Joan Ferrer: \u201cSa Feixina \u00e9s un monument franquista i protegir-lo \u00e9s una vergonya democr\u00e0tica\u201d\">Joan Ferrer: \u201cSa Feixina \u00e9s un monument franquista i protegir-lo \u00e9s una vergonya democr\u00e0tica\u201d<\/a><\/h3>\n\t\t\t<\/header>\n\t\t<\/div>\n\t\t<div class=\"post-content\">\n\t\t\t<a href=\"https:\/\/www.psib-psoe.org\/mallorca\/joan-ferrer-sa-feixina-es-un-monument-franquista-i-protegir-lo-es-una-vergonya-democratica\/\" class=\"more-link\">Read More<\/a>\n\t\t<\/div>\n\t\t\t<aside class=\"post-bottom-meta hide\">\n\t\t<strong rel=\"author\" itemprop=\"author\" class=\"author vcard\"><span class=\"fn\">Albert<\/span><\/strong>\n\t\t<time class=\"date published time\" datetime=\"2025-09-30T11:50:30+02:00\" itemprop=\"datePublished\" content=\"2025-09-30T11:50:30+02:00\">30\/09\/2025<\/time>\n\t\t<meta itemprop=\"dateModified\" class=\"date updated\" content=\"2025-09-30T11:50:41+02:00\">\n\t\t<span class=\"hide\" itemprop=\"publisher\" itemscope itemtype=\"https:\/\/schema.org\/Organization\">\n\t\t\t<meta itemprop=\"name\" content=\"SocialistesdMca\">\n\t\t\t<span itemprop=\"logo\" itemscope itemtype=\"https:\/\/schema.org\/ImageObject\">\n\t\t\t\t<meta itemprop=\"url\" content=\"https:\/\/www.psib-psoe.org\/mallorca\/wp-content\/themes\/notio-wp\/assets\/img\/logo.png\">\n\t\t\t<\/span>\n\t\t\t<meta itemprop=\"url\" content=\"https:\/\/www.psib-psoe.org\/mallorca\/\">\n\t\t<\/span>\n\t\t\t\t<span class=\"hide\" itemprop=\"image\" itemscope itemtype=\"http:\/\/schema.org\/ImageObject\">\n\t\t\t<meta itemprop=\"url\" content=\"https:\/\/www.psib-psoe.org\/mallorca\/wp-content\/uploads\/Joan-Ferrer-bo.jpeg\">\n\t\t\t<meta itemprop=\"width\" content=\"2560\">\n\t\t\t<meta itemprop=\"height\" content=\"1706\">\n\t\t<\/span>\n\t\t\t\t<meta itemscope itemprop=\"mainEntityOfPage\" itemtype=\"https:\/\/schema.org\/WebPage\" itemid=\"https:\/\/www.psib-psoe.org\/mallorca\/joan-ferrer-sa-feixina-es-un-monument-franquista-i-protegir-lo-es-una-vergonya-democratica\/\">\n\t<\/aside>\n\t\t<\/article>\n<\/div>\n<div class=\"small-12 large-4 columns\">\n\t<article itemscope itemtype=\"http:\/\/schema.org\/Article\" class=\"post blog-style7 alt post-30404 type-post status-publish format-standard has-post-thumbnail hentry category-federacio-de-mallorca category-federacio-de-mallorca-portada category-municipis category-portada tag-agrupacio-socialista-de-manacor tag-amanda-fernandez tag-federacio-socialista-de-mallorca tag-manacor tag-nuria-hinojosa tag-psib-psoe\" role=\"article\">\n\t\t<figure class=\"post-gallery\"><img loading=\"lazy\" decoding=\"async\" width=\"401\" height=\"292\" src=\"https:\/\/www.psib-psoe.org\/mallorca\/wp-content\/uploads\/a_hinojosa12345.jpg\" class=\"attachment-notio-general-x2 size-notio-general-x2 wp-post-image\" alt=\"\" srcset=\"https:\/\/www.psib-psoe.org\/mallorca\/wp-content\/uploads\/a_hinojosa12345.jpg 401w, https:\/\/www.psib-psoe.org\/mallorca\/wp-content\/uploads\/a_hinojosa12345-300x218.jpg 300w, https:\/\/www.psib-psoe.org\/mallorca\/wp-content\/uploads\/a_hinojosa12345-150x109.jpg 150w, https:\/\/www.psib-psoe.org\/mallorca\/wp-content\/uploads\/a_hinojosa12345-20x16.jpg 20w\" sizes=\"(max-width: 401px) 100vw, 401px\" \/><\/figure>\n\t\t<div class=\"blog-top\">\n\t\t\t<header class=\"post-title entry-header\">\n\t\t\t\t<aside class=\"post-meta cf\">\n\t\t30\/09\/2025 \/ <a href=\"https:\/\/www.psib-psoe.org\/mallorca\/category\/federacio-de-mallorca\/\" rel=\"category tag\">Federaci\u00f3 de Mallorca<\/a>, <a href=\"https:\/\/www.psib-psoe.org\/mallorca\/category\/federacio-de-mallorca-portada\/\" rel=\"category tag\">Federaci\u00f3 de Mallorca - Portada<\/a>, <a href=\"https:\/\/www.psib-psoe.org\/mallorca\/category\/municipis\/\" rel=\"category tag\">Municipis<\/a>, <a href=\"https:\/\/www.psib-psoe.org\/mallorca\/category\/portada\/\" rel=\"category tag\">Portada<\/a><\/aside>\n\t\t\t\t<h3 itemprop=\"headline\"><a href=\"https:\/\/www.psib-psoe.org\/mallorca\/els-socialistes-de-manacor-emplacen-al-pp-a-que-descarti-publicament-qualsevol-projecte-urbanistic-al-sol-rustic-del-municipi\/\" title=\"Els Socialistes de Manacor emplacen al PP a qu\u00e8 descarti p\u00fablicament qualsevol projecte urban\u00edstic al sol r\u00fastic del municipi.\">Els Socialistes de Manacor emplacen al PP a qu\u00e8 descarti p\u00fablicament qualsevol projecte urban\u00edstic al sol r\u00fastic del municipi.<\/a><\/h3>\n\t\t\t<\/header>\n\t\t<\/div>\n\t\t<div class=\"post-content\">\n\t\t\t<a href=\"https:\/\/www.psib-psoe.org\/mallorca\/els-socialistes-de-manacor-emplacen-al-pp-a-que-descarti-publicament-qualsevol-projecte-urbanistic-al-sol-rustic-del-municipi\/\" class=\"more-link\">Read More<\/a>\n\t\t<\/div>\n\t\t\t<aside class=\"post-bottom-meta hide\">\n\t\t<strong rel=\"author\" itemprop=\"author\" class=\"author vcard\"><span class=\"fn\">Albert<\/span><\/strong>\n\t\t<time class=\"date published time\" datetime=\"2025-09-30T10:39:45+02:00\" itemprop=\"datePublished\" content=\"2025-09-30T10:39:45+02:00\">30\/09\/2025<\/time>\n\t\t<meta itemprop=\"dateModified\" class=\"date updated\" content=\"2025-09-30T10:39:57+02:00\">\n\t\t<span class=\"hide\" itemprop=\"publisher\" itemscope itemtype=\"https:\/\/schema.org\/Organization\">\n\t\t\t<meta itemprop=\"name\" content=\"SocialistesdMca\">\n\t\t\t<span itemprop=\"logo\" itemscope itemtype=\"https:\/\/schema.org\/ImageObject\">\n\t\t\t\t<meta itemprop=\"url\" content=\"https:\/\/www.psib-psoe.org\/mallorca\/wp-content\/themes\/notio-wp\/assets\/img\/logo.png\">\n\t\t\t<\/span>\n\t\t\t<meta itemprop=\"url\" content=\"https:\/\/www.psib-psoe.org\/mallorca\/\">\n\t\t<\/span>\n\t\t\t\t<span class=\"hide\" itemprop=\"image\" itemscope itemtype=\"http:\/\/schema.org\/ImageObject\">\n\t\t\t<meta itemprop=\"url\" content=\"https:\/\/www.psib-psoe.org\/mallorca\/wp-content\/uploads\/a_hinojosa12345.jpg\">\n\t\t\t<meta itemprop=\"width\" content=\"401\">\n\t\t\t<meta itemprop=\"height\" content=\"292\">\n\t\t<\/span>\n\t\t\t\t<meta itemscope itemprop=\"mainEntityOfPage\" itemtype=\"https:\/\/schema.org\/WebPage\" itemid=\"https:\/\/www.psib-psoe.org\/mallorca\/els-socialistes-de-manacor-emplacen-al-pp-a-que-descarti-publicament-qualsevol-projecte-urbanistic-al-sol-rustic-del-municipi\/\">\n\t<\/aside>\n\t\t<\/article>\n<\/div>\n<div class=\"small-12 large-4 columns\">\n\t<article itemscope itemtype=\"http:\/\/schema.org\/Article\" class=\"post blog-style7 alt post-30398 type-post status-publish format-standard has-post-thumbnail hentry category-federacio-de-mallorca category-federacio-de-mallorca-portada category-municipis category-portada tag-agrupacio-socialista-dalcudia tag-agui-lobo tag-amanda-fernandez tag-barbara-rebassa tag-federacio-socialista-de-mallorca tag-joan-gaspar-vallori tag-omar-lamin\" role=\"article\">\n\t\t<figure class=\"post-gallery\"><img loading=\"lazy\" decoding=\"async\" width=\"600\" height=\"400\" src=\"https:\/\/www.psib-psoe.org\/mallorca\/wp-content\/uploads\/Alcudia-residencia-600x400.jpeg\" class=\"attachment-notio-general-x2 size-notio-general-x2 wp-post-image\" alt=\"\" srcset=\"https:\/\/www.psib-psoe.org\/mallorca\/wp-content\/uploads\/Alcudia-residencia-600x400.jpeg 600w, https:\/\/www.psib-psoe.org\/mallorca\/wp-content\/uploads\/Alcudia-residencia-300x200.jpeg 300w, https:\/\/www.psib-psoe.org\/mallorca\/wp-content\/uploads\/Alcudia-residencia-900x600.jpeg 900w, https:\/\/www.psib-psoe.org\/mallorca\/wp-content\/uploads\/Alcudia-residencia-20x13.jpeg 20w\" sizes=\"(max-width: 600px) 100vw, 600px\" \/><\/figure>\n\t\t<div class=\"blog-top\">\n\t\t\t<header class=\"post-title entry-header\">\n\t\t\t\t<aside class=\"post-meta cf\">\n\t\t29\/09\/2025 \/ <a href=\"https:\/\/www.psib-psoe.org\/mallorca\/category\/federacio-de-mallorca\/\" rel=\"category tag\">Federaci\u00f3 de Mallorca<\/a>, <a href=\"https:\/\/www.psib-psoe.org\/mallorca\/category\/federacio-de-mallorca-portada\/\" rel=\"category tag\">Federaci\u00f3 de Mallorca - Portada<\/a>, <a href=\"https:\/\/www.psib-psoe.org\/mallorca\/category\/municipis\/\" rel=\"category tag\">Municipis<\/a>, <a href=\"https:\/\/www.psib-psoe.org\/mallorca\/category\/portada\/\" rel=\"category tag\">Portada<\/a><\/aside>\n\t\t\t\t<h3 itemprop=\"headline\"><a href=\"https:\/\/www.psib-psoe.org\/mallorca\/el-psib-reclama-a-alcudia-que-el-govern-de-prohens-presenti-i-executi-un-pla-dinfraestructures-residencials-per-a-gent-gran-davant-la-paralisi-absoluta-en-dos-anys-de-legislatura\/\" title=\"El PSIB reclama a Alc\u00fadia que el Govern de Prohens presenti i executi un Pla d\u2019Infraestructures Residencials per a gent gran, davant la par\u00e0lisi absoluta en dos anys de legislatura.\">El PSIB reclama a Alc\u00fadia que el Govern de Prohens presenti i executi un Pla d\u2019Infraestructures Residencials per a gent gran, davant la par\u00e0lisi absoluta en dos anys de legislatura.<\/a><\/h3>\n\t\t\t<\/header>\n\t\t<\/div>\n\t\t<div class=\"post-content\">\n\t\t\t<a href=\"https:\/\/www.psib-psoe.org\/mallorca\/el-psib-reclama-a-alcudia-que-el-govern-de-prohens-presenti-i-executi-un-pla-dinfraestructures-residencials-per-a-gent-gran-davant-la-paralisi-absoluta-en-dos-anys-de-legislatura\/\" class=\"more-link\">Read More<\/a>\n\t\t<\/div>\n\t\t\t<aside class=\"post-bottom-meta hide\">\n\t\t<strong rel=\"author\" itemprop=\"author\" class=\"author vcard\"><span class=\"fn\">Albert<\/span><\/strong>\n\t\t<time class=\"date published time\" datetime=\"2025-09-29T17:34:03+02:00\" itemprop=\"datePublished\" content=\"2025-09-29T17:34:03+02:00\">29\/09\/2025<\/time>\n\t\t<meta itemprop=\"dateModified\" class=\"date updated\" content=\"2025-09-29T17:34:15+02:00\">\n\t\t<span class=\"hide\" itemprop=\"publisher\" itemscope itemtype=\"https:\/\/schema.org\/Organization\">\n\t\t\t<meta itemprop=\"name\" content=\"SocialistesdMca\">\n\t\t\t<span itemprop=\"logo\" itemscope itemtype=\"https:\/\/schema.org\/ImageObject\">\n\t\t\t\t<meta itemprop=\"url\" content=\"https:\/\/www.psib-psoe.org\/mallorca\/wp-content\/themes\/notio-wp\/assets\/img\/logo.png\">\n\t\t\t<\/span>\n\t\t\t<meta itemprop=\"url\" content=\"https:\/\/www.psib-psoe.org\/mallorca\/\">\n\t\t<\/span>\n\t\t\t\t<span class=\"hide\" itemprop=\"image\" itemscope itemtype=\"http:\/\/schema.org\/ImageObject\">\n\t\t\t<meta itemprop=\"url\" content=\"https:\/\/www.psib-psoe.org\/mallorca\/wp-content\/uploads\/Alcudia-residencia-scaled.jpeg\">\n\t\t\t<meta itemprop=\"width\" content=\"2560\">\n\t\t\t<meta itemprop=\"height\" content=\"1920\">\n\t\t<\/span>\n\t\t\t\t<meta itemscope itemprop=\"mainEntityOfPage\" itemtype=\"https:\/\/schema.org\/WebPage\" itemid=\"https:\/\/www.psib-psoe.org\/mallorca\/el-psib-reclama-a-alcudia-que-el-govern-de-prohens-presenti-i-executi-un-pla-dinfraestructures-residencials-per-a-gent-gran-davant-la-paralisi-absoluta-en-dos-anys-de-legislatura\/\">\n\t<\/aside>\n\t\t<\/article>\n<\/div>\n<div class=\"small-12 large-4 columns\">\n\t<article itemscope itemtype=\"http:\/\/schema.org\/Article\" class=\"post blog-style7 alt post-30394 type-post status-publish format-standard has-post-thumbnail hentry category-consell-de-mallorca category-federacio-de-mallorca category-federacio-de-mallorca-portada category-municipis category-portada tag-agrupacio-socialista-de-felanitx tag-amanda-fernandez tag-ares-fernandez tag-federacio-socialista-de-mallorca tag-iago-negueruela tag-mallorca tag-maria-gracia-gonzalez tag-marti-march-2 tag-paula-ginard tag-psib-psoe tag-tolo-aguilar\" role=\"article\">\n\t\t<figure class=\"post-gallery\"><img loading=\"lazy\" decoding=\"async\" width=\"600\" height=\"400\" src=\"https:\/\/www.psib-psoe.org\/mallorca\/wp-content\/uploads\/Consell-Politic-FSM-600x400.jpeg\" class=\"attachment-notio-general-x2 size-notio-general-x2 wp-post-image\" alt=\"\" srcset=\"https:\/\/www.psib-psoe.org\/mallorca\/wp-content\/uploads\/Consell-Politic-FSM-600x400.jpeg 600w, https:\/\/www.psib-psoe.org\/mallorca\/wp-content\/uploads\/Consell-Politic-FSM-300x200.jpeg 300w, https:\/\/www.psib-psoe.org\/mallorca\/wp-content\/uploads\/Consell-Politic-FSM-20x13.jpeg 20w, https:\/\/www.psib-psoe.org\/mallorca\/wp-content\/uploads\/Consell-Politic-FSM-900x600.jpeg 900w\" sizes=\"(max-width: 600px) 100vw, 600px\" \/><\/figure>\n\t\t<div class=\"blog-top\">\n\t\t\t<header class=\"post-title entry-header\">\n\t\t\t\t<aside class=\"post-meta cf\">\n\t\t27\/09\/2025 \/ <a href=\"https:\/\/www.psib-psoe.org\/mallorca\/category\/consell-de-mallorca\/\" rel=\"category tag\">Consell de Mallorca<\/a>, <a href=\"https:\/\/www.psib-psoe.org\/mallorca\/category\/federacio-de-mallorca\/\" rel=\"category tag\">Federaci\u00f3 de Mallorca<\/a>, <a href=\"https:\/\/www.psib-psoe.org\/mallorca\/category\/federacio-de-mallorca-portada\/\" rel=\"category tag\">Federaci\u00f3 de Mallorca - Portada<\/a>, <a href=\"https:\/\/www.psib-psoe.org\/mallorca\/category\/municipis\/\" rel=\"category tag\">Municipis<\/a>, <a href=\"https:\/\/www.psib-psoe.org\/mallorca\/category\/portada\/\" rel=\"category tag\">Portada<\/a><\/aside>\n\t\t\t\t<h3 itemprop=\"headline\"><a href=\"https:\/\/www.psib-psoe.org\/mallorca\/amanda-fernandez-al-consell-politic-de-la-fsm-el-pp-calla-i-evita-condemnar-el-genocidi-a-gaza-mentre-es-ven-mallorca-a-la-ultradreta-per-seguir-en-el-poder\/\" title=\"Amanda Fern\u00e0ndez al Consell Pol\u00edtic de la FSM: \u201cel PP calla i evita condemnar\u00a0 el genocidi a Gaza, mentre es ven Mallorca a la ultradreta per seguir en el poder\u201d.\">Amanda Fern\u00e0ndez al Consell Pol\u00edtic de la FSM: \u201cel PP calla i evita condemnar\u00a0 el genocidi a Gaza, mentre es ven Mallorca a la ultradreta per seguir en el poder\u201d.<\/a><\/h3>\n\t\t\t<\/header>\n\t\t<\/div>\n\t\t<div class=\"post-content\">\n\t\t\t<a href=\"https:\/\/www.psib-psoe.org\/mallorca\/amanda-fernandez-al-consell-politic-de-la-fsm-el-pp-calla-i-evita-condemnar-el-genocidi-a-gaza-mentre-es-ven-mallorca-a-la-ultradreta-per-seguir-en-el-poder\/\" class=\"more-link\">Read More<\/a>\n\t\t<\/div>\n\t\t\t<aside class=\"post-bottom-meta hide\">\n\t\t<strong rel=\"author\" itemprop=\"author\" class=\"author vcard\"><span class=\"fn\">Albert<\/span><\/strong>\n\t\t<time class=\"date published time\" datetime=\"2025-09-27T13:43:05+02:00\" itemprop=\"datePublished\" content=\"2025-09-27T13:43:05+02:00\">27\/09\/2025<\/time>\n\t\t<meta itemprop=\"dateModified\" class=\"date updated\" content=\"2025-09-27T13:43:17+02:00\">\n\t\t<span class=\"hide\" itemprop=\"publisher\" itemscope itemtype=\"https:\/\/schema.org\/Organization\">\n\t\t\t<meta itemprop=\"name\" content=\"SocialistesdMca\">\n\t\t\t<span itemprop=\"logo\" itemscope itemtype=\"https:\/\/schema.org\/ImageObject\">\n\t\t\t\t<meta itemprop=\"url\" content=\"https:\/\/www.psib-psoe.org\/mallorca\/wp-content\/themes\/notio-wp\/assets\/img\/logo.png\">\n\t\t\t<\/span>\n\t\t\t<meta itemprop=\"url\" content=\"https:\/\/www.psib-psoe.org\/mallorca\/\">\n\t\t<\/span>\n\t\t\t\t<span class=\"hide\" itemprop=\"image\" itemscope itemtype=\"http:\/\/schema.org\/ImageObject\">\n\t\t\t<meta itemprop=\"url\" content=\"https:\/\/www.psib-psoe.org\/mallorca\/wp-content\/uploads\/Consell-Politic-FSM.jpeg\">\n\t\t\t<meta itemprop=\"width\" content=\"2560\">\n\t\t\t<meta itemprop=\"height\" content=\"1768\">\n\t\t<\/span>\n\t\t\t\t<meta itemscope itemprop=\"mainEntityOfPage\" itemtype=\"https:\/\/schema.org\/WebPage\" itemid=\"https:\/\/www.psib-psoe.org\/mallorca\/amanda-fernandez-al-consell-politic-de-la-fsm-el-pp-calla-i-evita-condemnar-el-genocidi-a-gaza-mentre-es-ven-mallorca-a-la-ultradreta-per-seguir-en-el-poder\/\">\n\t<\/aside>\n\t\t<\/article>\n<\/div>\n<div class=\"small-12 large-4 columns\">\n\t<article itemscope itemtype=\"http:\/\/schema.org\/Article\" class=\"post blog-style7 alt post-30391 type-post status-publish format-standard has-post-thumbnail hentry category-federacio-de-mallorca category-federacio-de-mallorca-portada category-municipis category-portada tag-amanda-fernandez tag-jaume-colom tag-jaume-mateu tag-psib-psoe tag-soller-2\" role=\"article\">\n\t\t<figure class=\"post-gallery\"><img loading=\"lazy\" decoding=\"async\" width=\"600\" height=\"400\" src=\"https:\/\/www.psib-psoe.org\/mallorca\/wp-content\/uploads\/250925_Nova-Executiva-Soller-600x400.jpeg\" class=\"attachment-notio-general-x2 size-notio-general-x2 wp-post-image\" alt=\"\" srcset=\"https:\/\/www.psib-psoe.org\/mallorca\/wp-content\/uploads\/250925_Nova-Executiva-Soller-600x400.jpeg 600w, https:\/\/www.psib-psoe.org\/mallorca\/wp-content\/uploads\/250925_Nova-Executiva-Soller-300x200.jpeg 300w, https:\/\/www.psib-psoe.org\/mallorca\/wp-content\/uploads\/250925_Nova-Executiva-Soller-900x600.jpeg 900w, https:\/\/www.psib-psoe.org\/mallorca\/wp-content\/uploads\/250925_Nova-Executiva-Soller-20x13.jpeg 20w\" sizes=\"(max-width: 600px) 100vw, 600px\" \/><\/figure>\n\t\t<div class=\"blog-top\">\n\t\t\t<header class=\"post-title entry-header\">\n\t\t\t\t<aside class=\"post-meta cf\">\n\t\t25\/09\/2025 \/ <a href=\"https:\/\/www.psib-psoe.org\/mallorca\/category\/federacio-de-mallorca\/\" rel=\"category tag\">Federaci\u00f3 de Mallorca<\/a>, <a href=\"https:\/\/www.psib-psoe.org\/mallorca\/category\/federacio-de-mallorca-portada\/\" rel=\"category tag\">Federaci\u00f3 de Mallorca - Portada<\/a>, <a href=\"https:\/\/www.psib-psoe.org\/mallorca\/category\/municipis\/\" rel=\"category tag\">Municipis<\/a>, <a href=\"https:\/\/www.psib-psoe.org\/mallorca\/category\/portada\/\" rel=\"category tag\">Portada<\/a><\/aside>\n\t\t\t\t<h3 itemprop=\"headline\"><a href=\"https:\/\/www.psib-psoe.org\/mallorca\/jaume-mateu-renova-com-a-secretari-general-de-lagrupacio-socialista-de-soller-amb-una-nova-executiva-que-te-lobjectiu-treballar-conjuntament-de-cara-a-les-eleccions-de-2027\/\" title=\"Jaume Mateu renova com a secretari general de l\u2019Agrupaci\u00f3 Socialista de S\u00f3ller amb una nova executiva que t\u00e9 l\u2019objectiu treballar conjuntament de cara a les eleccions de 2027\">Jaume Mateu renova com a secretari general de l\u2019Agrupaci\u00f3 Socialista de S\u00f3ller amb una nova executiva que t\u00e9 l\u2019objectiu treballar conjuntament de cara a les eleccions de 2027<\/a><\/h3>\n\t\t\t<\/header>\n\t\t<\/div>\n\t\t<div class=\"post-content\">\n\t\t\t<a href=\"https:\/\/www.psib-psoe.org\/mallorca\/jaume-mateu-renova-com-a-secretari-general-de-lagrupacio-socialista-de-soller-amb-una-nova-executiva-que-te-lobjectiu-treballar-conjuntament-de-cara-a-les-eleccions-de-2027\/\" class=\"more-link\">Read More<\/a>\n\t\t<\/div>\n\t\t\t<aside class=\"post-bottom-meta hide\">\n\t\t<strong rel=\"author\" itemprop=\"author\" class=\"author vcard\"><span class=\"fn\">Marc<\/span><\/strong>\n\t\t<time class=\"date published time\" datetime=\"2025-09-25T19:22:08+02:00\" itemprop=\"datePublished\" content=\"2025-09-25T19:22:08+02:00\">25\/09\/2025<\/time>\n\t\t<meta itemprop=\"dateModified\" class=\"date updated\" content=\"2025-09-25T19:22:20+02:00\">\n\t\t<span class=\"hide\" itemprop=\"publisher\" itemscope itemtype=\"https:\/\/schema.org\/Organization\">\n\t\t\t<meta itemprop=\"name\" content=\"SocialistesdMca\">\n\t\t\t<span itemprop=\"logo\" itemscope itemtype=\"https:\/\/schema.org\/ImageObject\">\n\t\t\t\t<meta itemprop=\"url\" content=\"https:\/\/www.psib-psoe.org\/mallorca\/wp-content\/themes\/notio-wp\/assets\/img\/logo.png\">\n\t\t\t<\/span>\n\t\t\t<meta itemprop=\"url\" content=\"https:\/\/www.psib-psoe.org\/mallorca\/\">\n\t\t<\/span>\n\t\t\t\t<span class=\"hide\" itemprop=\"image\" itemscope itemtype=\"http:\/\/schema.org\/ImageObject\">\n\t\t\t<meta itemprop=\"url\" content=\"https:\/\/www.psib-psoe.org\/mallorca\/wp-content\/uploads\/250925_Nova-Executiva-Soller.jpeg\">\n\t\t\t<meta itemprop=\"width\" content=\"2048\">\n\t\t\t<meta itemprop=\"height\" content=\"1536\">\n\t\t<\/span>\n\t\t\t\t<meta itemscope itemprop=\"mainEntityOfPage\" itemtype=\"https:\/\/schema.org\/WebPage\" itemid=\"https:\/\/www.psib-psoe.org\/mallorca\/jaume-mateu-renova-com-a-secretari-general-de-lagrupacio-socialista-de-soller-amb-una-nova-executiva-que-te-lobjectiu-treballar-conjuntament-de-cara-a-les-eleccions-de-2027\/\">\n\t<\/aside>\n\t\t<\/article>\n<\/div>\n<div class=\"small-12 large-4 columns\">\n\t<article itemscope itemtype=\"http:\/\/schema.org\/Article\" class=\"post blog-style7 alt post-30386 type-post status-publish format-standard has-post-thumbnail hentry category-federacio-de-mallorca category-federacio-de-mallorca-portada category-municipis category-portada tag-amanda-fernandez tag-ares-fernandez tag-jaume-j-oliver tag-jaume-oliver tag-llucmajor tag-psib-psoe tag-sarenal tag-sarenal-de-llucmajor\" role=\"article\">\n\t\t<figure class=\"post-gallery\"><img loading=\"lazy\" decoding=\"async\" width=\"600\" height=\"400\" src=\"https:\/\/www.psib-psoe.org\/mallorca\/wp-content\/uploads\/Escaloa-de-Musica-1-edited-600x400.jpeg\" class=\"attachment-notio-general-x2 size-notio-general-x2 wp-post-image\" alt=\"\" srcset=\"https:\/\/www.psib-psoe.org\/mallorca\/wp-content\/uploads\/Escaloa-de-Musica-1-edited-600x400.jpeg 600w, https:\/\/www.psib-psoe.org\/mallorca\/wp-content\/uploads\/Escaloa-de-Musica-1-edited-300x200.jpeg 300w, https:\/\/www.psib-psoe.org\/mallorca\/wp-content\/uploads\/Escaloa-de-Musica-1-edited-900x600.jpeg 900w, https:\/\/www.psib-psoe.org\/mallorca\/wp-content\/uploads\/Escaloa-de-Musica-1-edited-20x13.jpeg 20w\" sizes=\"(max-width: 600px) 100vw, 600px\" \/><\/figure>\n\t\t<div class=\"blog-top\">\n\t\t\t<header class=\"post-title entry-header\">\n\t\t\t\t<aside class=\"post-meta cf\">\n\t\t25\/09\/2025 \/ <a href=\"https:\/\/www.psib-psoe.org\/mallorca\/category\/federacio-de-mallorca\/\" rel=\"category tag\">Federaci\u00f3 de Mallorca<\/a>, <a href=\"https:\/\/www.psib-psoe.org\/mallorca\/category\/federacio-de-mallorca-portada\/\" rel=\"category tag\">Federaci\u00f3 de Mallorca - Portada<\/a>, <a href=\"https:\/\/www.psib-psoe.org\/mallorca\/category\/municipis\/\" rel=\"category tag\">Municipis<\/a>, <a href=\"https:\/\/www.psib-psoe.org\/mallorca\/category\/portada\/\" rel=\"category tag\">Portada<\/a><\/aside>\n\t\t\t\t<h3 itemprop=\"headline\"><a href=\"https:\/\/www.psib-psoe.org\/mallorca\/els-socialistes-de-llucmajor-reclamen-mesures-urgents-a-la-batlessa-xisca-lascolas-per-solucionar-els-problemes-de-bruticia-que-pateix-sarenal-des-de-fa-mesos\/\" title=\"Els Socialistes de Llucmajor exigeixen que l\u2019Ajuntament proporcioni un nou espai a l\u2019Escola de M\u00fasica i Arts Esc\u00e8niques del municipi.\">Els Socialistes de Llucmajor exigeixen que l\u2019Ajuntament proporcioni un nou espai a l\u2019Escola de M\u00fasica i Arts Esc\u00e8niques del municipi.<\/a><\/h3>\n\t\t\t<\/header>\n\t\t<\/div>\n\t\t<div class=\"post-content\">\n\t\t\t<a href=\"https:\/\/www.psib-psoe.org\/mallorca\/els-socialistes-de-llucmajor-reclamen-mesures-urgents-a-la-batlessa-xisca-lascolas-per-solucionar-els-problemes-de-bruticia-que-pateix-sarenal-des-de-fa-mesos\/\" class=\"more-link\">Read More<\/a>\n\t\t<\/div>\n\t\t\t<aside class=\"post-bottom-meta hide\">\n\t\t<strong rel=\"author\" itemprop=\"author\" class=\"author vcard\"><span class=\"fn\">Marc<\/span><\/strong>\n\t\t<time class=\"date published time\" datetime=\"2025-09-25T19:10:48+02:00\" itemprop=\"datePublished\" content=\"2025-09-25T19:10:48+02:00\">25\/09\/2025<\/time>\n\t\t<meta itemprop=\"dateModified\" class=\"date updated\" content=\"2025-10-22T13:28:11+02:00\">\n\t\t<span class=\"hide\" itemprop=\"publisher\" itemscope itemtype=\"https:\/\/schema.org\/Organization\">\n\t\t\t<meta itemprop=\"name\" content=\"SocialistesdMca\">\n\t\t\t<span itemprop=\"logo\" itemscope itemtype=\"https:\/\/schema.org\/ImageObject\">\n\t\t\t\t<meta itemprop=\"url\" content=\"https:\/\/www.psib-psoe.org\/mallorca\/wp-content\/themes\/notio-wp\/assets\/img\/logo.png\">\n\t\t\t<\/span>\n\t\t\t<meta itemprop=\"url\" content=\"https:\/\/www.psib-psoe.org\/mallorca\/\">\n\t\t<\/span>\n\t\t\t\t<span class=\"hide\" itemprop=\"image\" itemscope itemtype=\"http:\/\/schema.org\/ImageObject\">\n\t\t\t<meta itemprop=\"url\" content=\"https:\/\/www.psib-psoe.org\/mallorca\/wp-content\/uploads\/Escaloa-de-Musica-1-edited.jpeg\">\n\t\t\t<meta itemprop=\"width\" content=\"900\">\n\t\t\t<meta itemprop=\"height\" content=\"1200\">\n\t\t<\/span>\n\t\t\t\t<meta itemscope itemprop=\"mainEntityOfPage\" itemtype=\"https:\/\/schema.org\/WebPage\" itemid=\"https:\/\/www.psib-psoe.org\/mallorca\/els-socialistes-de-llucmajor-reclamen-mesures-urgents-a-la-batlessa-xisca-lascolas-per-solucionar-els-problemes-de-bruticia-que-pateix-sarenal-des-de-fa-mesos\/\">\n\t<\/aside>\n\t\t<\/article>\n<\/div>\n<div class=\"small-12 large-4 columns\">\n\t<article itemscope itemtype=\"http:\/\/schema.org\/Article\" class=\"post blog-style7 alt post-30381 type-post status-publish format-standard has-post-thumbnail hentry category-consell-de-mallorca category-federacio-de-mallorca category-federacio-de-mallorca-portada category-municipis category-portada tag-amanda-fernandez tag-catalina-cladera tag-consell-de-mallorca tag-federacio-socialista-de-mallorca tag-mallorca tag-psib-psoe tag-sofia-alonso\" role=\"article\">\n\t\t<figure class=\"post-gallery\"><img loading=\"lazy\" decoding=\"async\" width=\"600\" height=\"400\" src=\"https:\/\/www.psib-psoe.org\/mallorca\/wp-content\/uploads\/Amanda-i-Catalina-rdp-250925-600x400.jpeg\" class=\"attachment-notio-general-x2 size-notio-general-x2 wp-post-image\" alt=\"\" srcset=\"https:\/\/www.psib-psoe.org\/mallorca\/wp-content\/uploads\/Amanda-i-Catalina-rdp-250925-600x400.jpeg 600w, https:\/\/www.psib-psoe.org\/mallorca\/wp-content\/uploads\/Amanda-i-Catalina-rdp-250925-300x200.jpeg 300w, https:\/\/www.psib-psoe.org\/mallorca\/wp-content\/uploads\/Amanda-i-Catalina-rdp-250925-900x600.jpeg 900w, https:\/\/www.psib-psoe.org\/mallorca\/wp-content\/uploads\/Amanda-i-Catalina-rdp-250925-20x13.jpeg 20w\" sizes=\"(max-width: 600px) 100vw, 600px\" \/><\/figure>\n\t\t<div class=\"blog-top\">\n\t\t\t<header class=\"post-title entry-header\">\n\t\t\t\t<aside class=\"post-meta cf\">\n\t\t25\/09\/2025 \/ <a href=\"https:\/\/www.psib-psoe.org\/mallorca\/category\/consell-de-mallorca\/\" rel=\"category tag\">Consell de Mallorca<\/a>, <a href=\"https:\/\/www.psib-psoe.org\/mallorca\/category\/federacio-de-mallorca\/\" rel=\"category tag\">Federaci\u00f3 de Mallorca<\/a>, <a href=\"https:\/\/www.psib-psoe.org\/mallorca\/category\/federacio-de-mallorca-portada\/\" rel=\"category tag\">Federaci\u00f3 de Mallorca - Portada<\/a>, <a href=\"https:\/\/www.psib-psoe.org\/mallorca\/category\/municipis\/\" rel=\"category tag\">Municipis<\/a>, <a href=\"https:\/\/www.psib-psoe.org\/mallorca\/category\/portada\/\" rel=\"category tag\">Portada<\/a><\/aside>\n\t\t\t\t<h3 itemprop=\"headline\"><a href=\"https:\/\/www.psib-psoe.org\/mallorca\/el-psib-psoe-acusa-al-pp-de-posar-la-seva-estrategia-politica-amb-vox-per-davant-de-les-vides-dels-menors-migrants-a-mallorca-i-apella-a-la-signatura-dun-pacte-destat-que-respecti-e\/\" title=\"El PSIB-PSOE acusa al PP de posar la seva estrat\u00e8gia pol\u00edtica amb Vox per davant de les vides dels menors migrants a Mallorca, i apel\u00b7la a la signatura d\u2019un Pacte d\u2019Estat que respecti els Drets Humans.\">El PSIB-PSOE acusa al PP de posar la seva estrat\u00e8gia pol\u00edtica amb Vox per davant de les vides dels menors migrants a Mallorca, i apel\u00b7la a la signatura d\u2019un Pacte d\u2019Estat que respecti els Drets Humans.<\/a><\/h3>\n\t\t\t<\/header>\n\t\t<\/div>\n\t\t<div class=\"post-content\">\n\t\t\t<a href=\"https:\/\/www.psib-psoe.org\/mallorca\/el-psib-psoe-acusa-al-pp-de-posar-la-seva-estrategia-politica-amb-vox-per-davant-de-les-vides-dels-menors-migrants-a-mallorca-i-apella-a-la-signatura-dun-pacte-destat-que-respecti-e\/\" class=\"more-link\">Read More<\/a>\n\t\t<\/div>\n\t\t\t<aside class=\"post-bottom-meta hide\">\n\t\t<strong rel=\"author\" itemprop=\"author\" class=\"author vcard\"><span class=\"fn\">Albert<\/span><\/strong>\n\t\t<time class=\"date published time\" datetime=\"2025-09-25T12:52:45+02:00\" itemprop=\"datePublished\" content=\"2025-09-25T12:52:45+02:00\">25\/09\/2025<\/time>\n\t\t<meta itemprop=\"dateModified\" class=\"date updated\" content=\"2025-09-25T13:33:12+02:00\">\n\t\t<span class=\"hide\" itemprop=\"publisher\" itemscope itemtype=\"https:\/\/schema.org\/Organization\">\n\t\t\t<meta itemprop=\"name\" content=\"SocialistesdMca\">\n\t\t\t<span itemprop=\"logo\" itemscope itemtype=\"https:\/\/schema.org\/ImageObject\">\n\t\t\t\t<meta itemprop=\"url\" content=\"https:\/\/www.psib-psoe.org\/mallorca\/wp-content\/themes\/notio-wp\/assets\/img\/logo.png\">\n\t\t\t<\/span>\n\t\t\t<meta itemprop=\"url\" content=\"https:\/\/www.psib-psoe.org\/mallorca\/\">\n\t\t<\/span>\n\t\t\t\t<span class=\"hide\" itemprop=\"image\" itemscope itemtype=\"http:\/\/schema.org\/ImageObject\">\n\t\t\t<meta itemprop=\"url\" content=\"https:\/\/www.psib-psoe.org\/mallorca\/wp-content\/uploads\/Amanda-i-Catalina-rdp-250925-scaled.jpeg\">\n\t\t\t<meta itemprop=\"width\" content=\"2560\">\n\t\t\t<meta itemprop=\"height\" content=\"1920\">\n\t\t<\/span>\n\t\t\t\t<meta itemscope itemprop=\"mainEntityOfPage\" itemtype=\"https:\/\/schema.org\/WebPage\" itemid=\"https:\/\/www.psib-psoe.org\/mallorca\/el-psib-psoe-acusa-al-pp-de-posar-la-seva-estrategia-politica-amb-vox-per-davant-de-les-vides-dels-menors-migrants-a-mallorca-i-apella-a-la-signatura-dun-pacte-destat-que-respecti-e\/\">\n\t<\/aside>\n\t\t<\/article>\n<\/div>\n<div class=\"small-12 large-4 columns\">\n\t<article itemscope itemtype=\"http:\/\/schema.org\/Article\" class=\"post blog-style7 alt post-30378 type-post status-publish format-standard has-post-thumbnail hentry category-federacio-de-mallorca category-federacio-de-mallorca-portada category-municipis category-portada tag-amanda-fernandez tag-ares-fernandez tag-bea-gamundi tag-catalina-cladera tag-guillem-ensenyat tag-per-estellencs tag-psib-psoe\" role=\"article\">\n\t\t<figure class=\"post-gallery\"><img loading=\"lazy\" decoding=\"async\" width=\"200\" height=\"179\" src=\"https:\/\/www.psib-psoe.org\/mallorca\/wp-content\/uploads\/Per-Estellencs.jpg\" class=\"attachment-notio-general-x2 size-notio-general-x2 wp-post-image\" alt=\"\" srcset=\"https:\/\/www.psib-psoe.org\/mallorca\/wp-content\/uploads\/Per-Estellencs.jpg 200w, https:\/\/www.psib-psoe.org\/mallorca\/wp-content\/uploads\/Per-Estellencs-20x18.jpg 20w, https:\/\/www.psib-psoe.org\/mallorca\/wp-content\/uploads\/Per-Estellencs-150x134.jpg 150w\" sizes=\"(max-width: 200px) 100vw, 200px\" \/><\/figure>\n\t\t<div class=\"blog-top\">\n\t\t\t<header class=\"post-title entry-header\">\n\t\t\t\t<aside class=\"post-meta cf\">\n\t\t24\/09\/2025 \/ <a href=\"https:\/\/www.psib-psoe.org\/mallorca\/category\/federacio-de-mallorca\/\" rel=\"category tag\">Federaci\u00f3 de Mallorca<\/a>, <a href=\"https:\/\/www.psib-psoe.org\/mallorca\/category\/federacio-de-mallorca-portada\/\" rel=\"category tag\">Federaci\u00f3 de Mallorca - Portada<\/a>, <a href=\"https:\/\/www.psib-psoe.org\/mallorca\/category\/municipis\/\" rel=\"category tag\">Municipis<\/a>, <a href=\"https:\/\/www.psib-psoe.org\/mallorca\/category\/portada\/\" rel=\"category tag\">Portada<\/a><\/aside>\n\t\t\t\t<h3 itemprop=\"headline\"><a href=\"https:\/\/www.psib-psoe.org\/mallorca\/per-estellencs-proposa-la-redaccio-dun-pla-demergencies-municipal-per-reforcar-la-seguretat-local\/\" title=\"Per Estellencs proposa la redacci\u00f3 d\u2019un Pla d\u2019Emerg\u00e8ncies Municipal per refor\u00e7ar la seguretat local.\">Per Estellencs proposa la redacci\u00f3 d\u2019un Pla d\u2019Emerg\u00e8ncies Municipal per refor\u00e7ar la seguretat local.<\/a><\/h3>\n\t\t\t<\/header>\n\t\t<\/div>\n\t\t<div class=\"post-content\">\n\t\t\t<a href=\"https:\/\/www.psib-psoe.org\/mallorca\/per-estellencs-proposa-la-redaccio-dun-pla-demergencies-municipal-per-reforcar-la-seguretat-local\/\" class=\"more-link\">Read More<\/a>\n\t\t<\/div>\n\t\t\t<aside class=\"post-bottom-meta hide\">\n\t\t<strong rel=\"author\" itemprop=\"author\" class=\"author vcard\"><span class=\"fn\">Albert<\/span><\/strong>\n\t\t<time class=\"date published time\" datetime=\"2025-09-24T15:04:19+02:00\" itemprop=\"datePublished\" content=\"2025-09-24T15:04:19+02:00\">24\/09\/2025<\/time>\n\t\t<meta itemprop=\"dateModified\" class=\"date updated\" content=\"2025-09-24T15:04:31+02:00\">\n\t\t<span class=\"hide\" itemprop=\"publisher\" itemscope itemtype=\"https:\/\/schema.org\/Organization\">\n\t\t\t<meta itemprop=\"name\" content=\"SocialistesdMca\">\n\t\t\t<span itemprop=\"logo\" itemscope itemtype=\"https:\/\/schema.org\/ImageObject\">\n\t\t\t\t<meta itemprop=\"url\" content=\"https:\/\/www.psib-psoe.org\/mallorca\/wp-content\/themes\/notio-wp\/assets\/img\/logo.png\">\n\t\t\t<\/span>\n\t\t\t<meta itemprop=\"url\" content=\"https:\/\/www.psib-psoe.org\/mallorca\/\">\n\t\t<\/span>\n\t\t\t\t<span class=\"hide\" itemprop=\"image\" itemscope itemtype=\"http:\/\/schema.org\/ImageObject\">\n\t\t\t<meta itemprop=\"url\" content=\"https:\/\/www.psib-psoe.org\/mallorca\/wp-content\/uploads\/Per-Estellencs.jpg\">\n\t\t\t<meta itemprop=\"width\" content=\"200\">\n\t\t\t<meta itemprop=\"height\" content=\"179\">\n\t\t<\/span>\n\t\t\t\t<meta itemscope itemprop=\"mainEntityOfPage\" itemtype=\"https:\/\/schema.org\/WebPage\" itemid=\"https:\/\/www.psib-psoe.org\/mallorca\/per-estellencs-proposa-la-redaccio-dun-pla-demergencies-municipal-per-reforcar-la-seguretat-local\/\">\n\t<\/aside>\n\t\t<\/article>\n<\/div>\n<div class=\"small-12 large-4 columns\">\n\t<article itemscope itemtype=\"http:\/\/schema.org\/Article\" class=\"post blog-style7 alt post-30373 type-post status-publish format-standard has-post-thumbnail hentry category-consell-de-mallorca category-federacio-de-mallorca category-federacio-de-mallorca-portada category-municipis category-portada tag-amanda-fernandez tag-andreu-serra tag-bea-gamundi tag-biel-alomar tag-catalina-cladera tag-consell-de-mallorca tag-federacio-socialista-de-mallorca tag-jaume-mateu tag-joan-ferrer tag-juana-m-adrover tag-mallorca tag-psib-psoe tag-sofia-alonso\" role=\"article\">\n\t\t<figure class=\"post-gallery\"><img loading=\"lazy\" decoding=\"async\" width=\"600\" height=\"400\" src=\"https:\/\/www.psib-psoe.org\/mallorca\/wp-content\/uploads\/Cladera-declaracions-230925-600x400.jpeg\" class=\"attachment-notio-general-x2 size-notio-general-x2 wp-post-image\" alt=\"\" srcset=\"https:\/\/www.psib-psoe.org\/mallorca\/wp-content\/uploads\/Cladera-declaracions-230925-600x400.jpeg 600w, https:\/\/www.psib-psoe.org\/mallorca\/wp-content\/uploads\/Cladera-declaracions-230925-300x200.jpeg 300w, https:\/\/www.psib-psoe.org\/mallorca\/wp-content\/uploads\/Cladera-declaracions-230925-900x600.jpeg 900w, https:\/\/www.psib-psoe.org\/mallorca\/wp-content\/uploads\/Cladera-declaracions-230925-20x13.jpeg 20w\" sizes=\"(max-width: 600px) 100vw, 600px\" \/><\/figure>\n\t\t<div class=\"blog-top\">\n\t\t\t<header class=\"post-title entry-header\">\n\t\t\t\t<aside class=\"post-meta cf\">\n\t\t23\/09\/2025 \/ <a href=\"https:\/\/www.psib-psoe.org\/mallorca\/category\/consell-de-mallorca\/\" rel=\"category tag\">Consell de Mallorca<\/a>, <a href=\"https:\/\/www.psib-psoe.org\/mallorca\/category\/federacio-de-mallorca\/\" rel=\"category tag\">Federaci\u00f3 de Mallorca<\/a>, <a href=\"https:\/\/www.psib-psoe.org\/mallorca\/category\/federacio-de-mallorca-portada\/\" rel=\"category tag\">Federaci\u00f3 de Mallorca - Portada<\/a>, <a href=\"https:\/\/www.psib-psoe.org\/mallorca\/category\/municipis\/\" rel=\"category tag\">Municipis<\/a>, <a href=\"https:\/\/www.psib-psoe.org\/mallorca\/category\/portada\/\" rel=\"category tag\">Portada<\/a><\/aside>\n\t\t\t\t<h3 itemprop=\"headline\"><a href=\"https:\/\/www.psib-psoe.org\/mallorca\/el-grup-socialista-denuncia-ombres-de-dubte-pel-fiasco-repetit-en-els-procediments-dadjudicacio-de-places-vacacionals-i-reclama-explicacions-al-conseller\/\" title=\"El Grup Socialista denuncia \u201combres de dubte\u201d pel fiasco repetit en els procediments d\u2019adjudicaci\u00f3 de places vacacionals, i reclama \u201cexplicacions\u201d al conseller Marcial Rodr\u00edguez.\">El Grup Socialista denuncia \u201combres de dubte\u201d pel fiasco repetit en els procediments d\u2019adjudicaci\u00f3 de places vacacionals, i reclama \u201cexplicacions\u201d al conseller Marcial Rodr\u00edguez.<\/a><\/h3>\n\t\t\t<\/header>\n\t\t<\/div>\n\t\t<div class=\"post-content\">\n\t\t\t<a href=\"https:\/\/www.psib-psoe.org\/mallorca\/el-grup-socialista-denuncia-ombres-de-dubte-pel-fiasco-repetit-en-els-procediments-dadjudicacio-de-places-vacacionals-i-reclama-explicacions-al-conseller\/\" class=\"more-link\">Read More<\/a>\n\t\t<\/div>\n\t\t\t<aside class=\"post-bottom-meta hide\">\n\t\t<strong rel=\"author\" itemprop=\"author\" class=\"author vcard\"><span class=\"fn\">Albert<\/span><\/strong>\n\t\t<time class=\"date published time\" datetime=\"2025-09-23T14:03:40+02:00\" itemprop=\"datePublished\" content=\"2025-09-23T14:03:40+02:00\">23\/09\/2025<\/time>\n\t\t<meta itemprop=\"dateModified\" class=\"date updated\" content=\"2025-09-23T14:03:51+02:00\">\n\t\t<span class=\"hide\" itemprop=\"publisher\" itemscope itemtype=\"https:\/\/schema.org\/Organization\">\n\t\t\t<meta itemprop=\"name\" content=\"SocialistesdMca\">\n\t\t\t<span itemprop=\"logo\" itemscope itemtype=\"https:\/\/schema.org\/ImageObject\">\n\t\t\t\t<meta itemprop=\"url\" content=\"https:\/\/www.psib-psoe.org\/mallorca\/wp-content\/themes\/notio-wp\/assets\/img\/logo.png\">\n\t\t\t<\/span>\n\t\t\t<meta itemprop=\"url\" content=\"https:\/\/www.psib-psoe.org\/mallorca\/\">\n\t\t<\/span>\n\t\t\t\t<span class=\"hide\" itemprop=\"image\" itemscope itemtype=\"http:\/\/schema.org\/ImageObject\">\n\t\t\t<meta itemprop=\"url\" content=\"https:\/\/www.psib-psoe.org\/mallorca\/wp-content\/uploads\/Cladera-declaracions-230925-scaled.jpeg\">\n\t\t\t<meta itemprop=\"width\" content=\"2560\">\n\t\t\t<meta itemprop=\"height\" content=\"1920\">\n\t\t<\/span>\n\t\t\t\t<meta itemscope itemprop=\"mainEntityOfPage\" itemtype=\"https:\/\/schema.org\/WebPage\" itemid=\"https:\/\/www.psib-psoe.org\/mallorca\/el-grup-socialista-denuncia-ombres-de-dubte-pel-fiasco-repetit-en-els-procediments-dadjudicacio-de-places-vacacionals-i-reclama-explicacions-al-conseller\/\">\n\t<\/aside>\n\t\t<\/article>\n<\/div>\n<div class=\"small-12 large-4 columns\">\n\t<article itemscope itemtype=\"http:\/\/schema.org\/Article\" class=\"post blog-style7 alt post-30367 type-post status-publish format-standard has-post-thumbnail hentry category-federacio-de-mallorca category-federacio-de-mallorca-portada category-municipis category-portada tag-amanda-fernandez tag-ares-fernandez tag-arrelam tag-federacio-socialista-de-mallorca tag-mallorca tag-psib-psoe tag-selva\" role=\"article\">\n\t\t<figure class=\"post-gallery\"><img loading=\"lazy\" decoding=\"async\" width=\"600\" height=\"400\" src=\"https:\/\/www.psib-psoe.org\/mallorca\/wp-content\/uploads\/220925_Foto-Arxiu-Salvem-Es-Putxet-600x400.jpg\" class=\"attachment-notio-general-x2 size-notio-general-x2 wp-post-image\" alt=\"\" srcset=\"https:\/\/www.psib-psoe.org\/mallorca\/wp-content\/uploads\/220925_Foto-Arxiu-Salvem-Es-Putxet-600x400.jpg 600w, https:\/\/www.psib-psoe.org\/mallorca\/wp-content\/uploads\/220925_Foto-Arxiu-Salvem-Es-Putxet-300x200.jpg 300w, https:\/\/www.psib-psoe.org\/mallorca\/wp-content\/uploads\/220925_Foto-Arxiu-Salvem-Es-Putxet-900x600.jpg 900w, https:\/\/www.psib-psoe.org\/mallorca\/wp-content\/uploads\/220925_Foto-Arxiu-Salvem-Es-Putxet-20x13.jpg 20w\" sizes=\"(max-width: 600px) 100vw, 600px\" \/><\/figure>\n\t\t<div class=\"blog-top\">\n\t\t\t<header class=\"post-title entry-header\">\n\t\t\t\t<aside class=\"post-meta cf\">\n\t\t22\/09\/2025 \/ <a href=\"https:\/\/www.psib-psoe.org\/mallorca\/category\/federacio-de-mallorca\/\" rel=\"category tag\">Federaci\u00f3 de Mallorca<\/a>, <a href=\"https:\/\/www.psib-psoe.org\/mallorca\/category\/federacio-de-mallorca-portada\/\" rel=\"category tag\">Federaci\u00f3 de Mallorca - Portada<\/a>, <a href=\"https:\/\/www.psib-psoe.org\/mallorca\/category\/municipis\/\" rel=\"category tag\">Municipis<\/a>, <a href=\"https:\/\/www.psib-psoe.org\/mallorca\/category\/portada\/\" rel=\"category tag\">Portada<\/a><\/aside>\n\t\t\t\t<h3 itemprop=\"headline\"><a href=\"https:\/\/www.psib-psoe.org\/mallorca\/arrelam-mes-psib-psoe-denuncia-que-el-batle-joan-rotger-va-fer-el-trasllat-dels-alumnes-del-ceip-es-putxet-a-es-centre-sense-una-autoritzacio-oficial-de-la-conselleria-deducacio\/\" title=\"Arrelam (M\u00c9S-PSIB PSOE) denuncia que el batle, Joan Rotger, va fer el trasllat dels alumnes del CEIP Es Putxet a Es Centre sense una autoritzaci\u00f3 oficial de la Conselleria d\u2019Educaci\u00f3\">Arrelam (M\u00c9S-PSIB PSOE) denuncia que el batle, Joan Rotger, va fer el trasllat dels alumnes del CEIP Es Putxet a Es Centre sense una autoritzaci\u00f3 oficial de la Conselleria d\u2019Educaci\u00f3<\/a><\/h3>\n\t\t\t<\/header>\n\t\t<\/div>\n\t\t<div class=\"post-content\">\n\t\t\t<a href=\"https:\/\/www.psib-psoe.org\/mallorca\/arrelam-mes-psib-psoe-denuncia-que-el-batle-joan-rotger-va-fer-el-trasllat-dels-alumnes-del-ceip-es-putxet-a-es-centre-sense-una-autoritzacio-oficial-de-la-conselleria-deducacio\/\" class=\"more-link\">Read More<\/a>\n\t\t<\/div>\n\t\t\t<aside class=\"post-bottom-meta hide\">\n\t\t<strong rel=\"author\" itemprop=\"author\" class=\"author vcard\"><span class=\"fn\">Marc<\/span><\/strong>\n\t\t<time class=\"date published time\" datetime=\"2025-09-22T19:22:46+02:00\" itemprop=\"datePublished\" content=\"2025-09-22T19:22:46+02:00\">22\/09\/2025<\/time>\n\t\t<meta itemprop=\"dateModified\" class=\"date updated\" content=\"2025-09-22T19:22:57+02:00\">\n\t\t<span class=\"hide\" itemprop=\"publisher\" itemscope itemtype=\"https:\/\/schema.org\/Organization\">\n\t\t\t<meta itemprop=\"name\" content=\"SocialistesdMca\">\n\t\t\t<span itemprop=\"logo\" itemscope itemtype=\"https:\/\/schema.org\/ImageObject\">\n\t\t\t\t<meta itemprop=\"url\" content=\"https:\/\/www.psib-psoe.org\/mallorca\/wp-content\/themes\/notio-wp\/assets\/img\/logo.png\">\n\t\t\t<\/span>\n\t\t\t<meta itemprop=\"url\" content=\"https:\/\/www.psib-psoe.org\/mallorca\/\">\n\t\t<\/span>\n\t\t\t\t<span class=\"hide\" itemprop=\"image\" itemscope itemtype=\"http:\/\/schema.org\/ImageObject\">\n\t\t\t<meta itemprop=\"url\" content=\"https:\/\/www.psib-psoe.org\/mallorca\/wp-content\/uploads\/220925_Foto-Arxiu-Salvem-Es-Putxet-scaled.jpg\">\n\t\t\t<meta itemprop=\"width\" content=\"2560\">\n\t\t\t<meta itemprop=\"height\" content=\"1920\">\n\t\t<\/span>\n\t\t\t\t<meta itemscope itemprop=\"mainEntityOfPage\" itemtype=\"https:\/\/schema.org\/WebPage\" itemid=\"https:\/\/www.psib-psoe.org\/mallorca\/arrelam-mes-psib-psoe-denuncia-que-el-batle-joan-rotger-va-fer-el-trasllat-dels-alumnes-del-ceip-es-putxet-a-es-centre-sense-una-autoritzacio-oficial-de-la-conselleria-deducacio\/\">\n\t<\/aside>\n\t\t<\/article>\n<\/div>\n<div class=\"small-12 large-4 columns\">\n\t<article itemscope itemtype=\"http:\/\/schema.org\/Article\" class=\"post blog-style7 alt post-30361 type-post status-publish format-standard has-post-thumbnail hentry category-consell-de-mallorca category-federacio-de-mallorca category-federacio-de-mallorca-portada category-municipis category-portada tag-alaro tag-amanda-fernandez tag-andreu-vidal tag-ares-fernandez tag-federacio-socialista-de-mallorca tag-mallorca tag-psib-psoe\" role=\"article\">\n\t\t<figure class=\"post-gallery\"><img loading=\"lazy\" decoding=\"async\" width=\"600\" height=\"400\" src=\"https:\/\/www.psib-psoe.org\/mallorca\/wp-content\/uploads\/Habitatge-tutelat2-1-600x400.jpeg\" class=\"attachment-notio-general-x2 size-notio-general-x2 wp-post-image\" alt=\"\" srcset=\"https:\/\/www.psib-psoe.org\/mallorca\/wp-content\/uploads\/Habitatge-tutelat2-1-600x400.jpeg 600w, https:\/\/www.psib-psoe.org\/mallorca\/wp-content\/uploads\/Habitatge-tutelat2-1-300x200.jpeg 300w, https:\/\/www.psib-psoe.org\/mallorca\/wp-content\/uploads\/Habitatge-tutelat2-1-900x600.jpeg 900w, https:\/\/www.psib-psoe.org\/mallorca\/wp-content\/uploads\/Habitatge-tutelat2-1-20x13.jpeg 20w\" sizes=\"(max-width: 600px) 100vw, 600px\" \/><\/figure>\n\t\t<div class=\"blog-top\">\n\t\t\t<header class=\"post-title entry-header\">\n\t\t\t\t<aside class=\"post-meta cf\">\n\t\t22\/09\/2025 \/ <a href=\"https:\/\/www.psib-psoe.org\/mallorca\/category\/consell-de-mallorca\/\" rel=\"category tag\">Consell de Mallorca<\/a>, <a href=\"https:\/\/www.psib-psoe.org\/mallorca\/category\/federacio-de-mallorca\/\" rel=\"category tag\">Federaci\u00f3 de Mallorca<\/a>, <a href=\"https:\/\/www.psib-psoe.org\/mallorca\/category\/federacio-de-mallorca-portada\/\" rel=\"category tag\">Federaci\u00f3 de Mallorca - Portada<\/a>, <a href=\"https:\/\/www.psib-psoe.org\/mallorca\/category\/municipis\/\" rel=\"category tag\">Municipis<\/a>, <a href=\"https:\/\/www.psib-psoe.org\/mallorca\/category\/portada\/\" rel=\"category tag\">Portada<\/a><\/aside>\n\t\t\t\t<h3 itemprop=\"headline\"><a href=\"https:\/\/www.psib-psoe.org\/mallorca\/els-socialistes-dalaro-lamenten-que-la-deixadesa-de-lajuntament-mantingui-tancat-lhabitatge-tutelat-per-a-gent-gran-del-municipi\/\" title=\"Els Socialistes d\u2019Alar\u00f3 lamenten que la deixadesa de l\u2019Ajuntament mantingui tancat l\u2019habitatge tutelat per a gent gran del municipi.\">Els Socialistes d\u2019Alar\u00f3 lamenten que la deixadesa de l\u2019Ajuntament mantingui tancat l\u2019habitatge tutelat per a gent gran del municipi.<\/a><\/h3>\n\t\t\t<\/header>\n\t\t<\/div>\n\t\t<div class=\"post-content\">\n\t\t\t<a href=\"https:\/\/www.psib-psoe.org\/mallorca\/els-socialistes-dalaro-lamenten-que-la-deixadesa-de-lajuntament-mantingui-tancat-lhabitatge-tutelat-per-a-gent-gran-del-municipi\/\" class=\"more-link\">Read More<\/a>\n\t\t<\/div>\n\t\t\t<aside class=\"post-bottom-meta hide\">\n\t\t<strong rel=\"author\" itemprop=\"author\" class=\"author vcard\"><span class=\"fn\">Albert<\/span><\/strong>\n\t\t<time class=\"date published time\" datetime=\"2025-09-22T15:09:19+02:00\" itemprop=\"datePublished\" content=\"2025-09-22T15:09:19+02:00\">22\/09\/2025<\/time>\n\t\t<meta itemprop=\"dateModified\" class=\"date updated\" content=\"2025-09-22T15:09:32+02:00\">\n\t\t<span class=\"hide\" itemprop=\"publisher\" itemscope itemtype=\"https:\/\/schema.org\/Organization\">\n\t\t\t<meta itemprop=\"name\" content=\"SocialistesdMca\">\n\t\t\t<span itemprop=\"logo\" itemscope itemtype=\"https:\/\/schema.org\/ImageObject\">\n\t\t\t\t<meta itemprop=\"url\" content=\"https:\/\/www.psib-psoe.org\/mallorca\/wp-content\/themes\/notio-wp\/assets\/img\/logo.png\">\n\t\t\t<\/span>\n\t\t\t<meta itemprop=\"url\" content=\"https:\/\/www.psib-psoe.org\/mallorca\/\">\n\t\t<\/span>\n\t\t\t\t<span class=\"hide\" itemprop=\"image\" itemscope itemtype=\"http:\/\/schema.org\/ImageObject\">\n\t\t\t<meta itemprop=\"url\" content=\"https:\/\/www.psib-psoe.org\/mallorca\/wp-content\/uploads\/Habitatge-tutelat2-1.jpeg\">\n\t\t\t<meta itemprop=\"width\" content=\"1600\">\n\t\t\t<meta itemprop=\"height\" content=\"1200\">\n\t\t<\/span>\n\t\t\t\t<meta itemscope itemprop=\"mainEntityOfPage\" itemtype=\"https:\/\/schema.org\/WebPage\" itemid=\"https:\/\/www.psib-psoe.org\/mallorca\/els-socialistes-dalaro-lamenten-que-la-deixadesa-de-lajuntament-mantingui-tancat-lhabitatge-tutelat-per-a-gent-gran-del-municipi\/\">\n\t<\/aside>\n\t\t<\/article>\n<\/div>\n<div class=\"small-12 large-4 columns\">\n\t<article itemscope itemtype=\"http:\/\/schema.org\/Article\" class=\"post blog-style7 alt post-30353 type-post status-publish format-standard has-post-thumbnail hentry category-consell-de-mallorca category-federacio-de-mallorca category-federacio-de-mallorca-portada category-municipis category-portada tag-amanda-fernandez tag-andreu-serra tag-bea-gamundi tag-biel-alomar tag-catalina-cladera tag-consell-de-mallorca tag-federacio-socialista-de-mallorca tag-jaume-mateu tag-joan-ferrer tag-juana-m-adrover tag-mallorca tag-palma tag-pepe-martinez tag-psib-psoe tag-sofia-alonso\" role=\"article\">\n\t\t<figure class=\"post-gallery\"><img loading=\"lazy\" decoding=\"async\" width=\"600\" height=\"400\" src=\"https:\/\/www.psib-psoe.org\/mallorca\/wp-content\/uploads\/Ferrer-i-Martinez-Bennassar-600x400.jpeg\" class=\"attachment-notio-general-x2 size-notio-general-x2 wp-post-image\" alt=\"\" srcset=\"https:\/\/www.psib-psoe.org\/mallorca\/wp-content\/uploads\/Ferrer-i-Martinez-Bennassar-600x400.jpeg 600w, https:\/\/www.psib-psoe.org\/mallorca\/wp-content\/uploads\/Ferrer-i-Martinez-Bennassar-300x200.jpeg 300w, https:\/\/www.psib-psoe.org\/mallorca\/wp-content\/uploads\/Ferrer-i-Martinez-Bennassar-900x600.jpeg 900w, https:\/\/www.psib-psoe.org\/mallorca\/wp-content\/uploads\/Ferrer-i-Martinez-Bennassar-20x13.jpeg 20w\" sizes=\"(max-width: 600px) 100vw, 600px\" \/><\/figure>\n\t\t<div class=\"blog-top\">\n\t\t\t<header class=\"post-title entry-header\">\n\t\t\t\t<aside class=\"post-meta cf\">\n\t\t22\/09\/2025 \/ <a href=\"https:\/\/www.psib-psoe.org\/mallorca\/category\/consell-de-mallorca\/\" rel=\"category tag\">Consell de Mallorca<\/a>, <a href=\"https:\/\/www.psib-psoe.org\/mallorca\/category\/federacio-de-mallorca\/\" rel=\"category tag\">Federaci\u00f3 de Mallorca<\/a>, <a href=\"https:\/\/www.psib-psoe.org\/mallorca\/category\/federacio-de-mallorca-portada\/\" rel=\"category tag\">Federaci\u00f3 de Mallorca - Portada<\/a>, <a href=\"https:\/\/www.psib-psoe.org\/mallorca\/category\/municipis\/\" rel=\"category tag\">Municipis<\/a>, <a href=\"https:\/\/www.psib-psoe.org\/mallorca\/category\/portada\/\" rel=\"category tag\">Portada<\/a><\/aside>\n\t\t\t\t<h3 itemprop=\"headline\"><a href=\"https:\/\/www.psib-psoe.org\/mallorca\/els-socialistes-valoren-laturada-de-la-demolicio-de-ledifici-de-bennassar-i-exigeixen-que-lajuntament-de-palma-catalogui-i-protegeixi-el-conjunt-com-es-va-dictar-des-del-consell-de\/\" title=\"Els Socialistes valoren l\u2019aturada de la demolici\u00f3 de l&#8217;edifici de Benn\u00e0ssar i exigeixen que l\u2019Ajuntament de Palma catalogui i protegeixi el conjunt com es va dictar des del Consell de Mallorca.\">Els Socialistes valoren l\u2019aturada de la demolici\u00f3 de l&#8217;edifici de Benn\u00e0ssar i exigeixen que l\u2019Ajuntament de Palma catalogui i protegeixi el conjunt com es va dictar des del Consell de Mallorca.<\/a><\/h3>\n\t\t\t<\/header>\n\t\t<\/div>\n\t\t<div class=\"post-content\">\n\t\t\t<a href=\"https:\/\/www.psib-psoe.org\/mallorca\/els-socialistes-valoren-laturada-de-la-demolicio-de-ledifici-de-bennassar-i-exigeixen-que-lajuntament-de-palma-catalogui-i-protegeixi-el-conjunt-com-es-va-dictar-des-del-consell-de\/\" class=\"more-link\">Read More<\/a>\n\t\t<\/div>\n\t\t\t<aside class=\"post-bottom-meta hide\">\n\t\t<strong rel=\"author\" itemprop=\"author\" class=\"author vcard\"><span class=\"fn\">Albert<\/span><\/strong>\n\t\t<time class=\"date published time\" datetime=\"2025-09-22T14:28:29+02:00\" itemprop=\"datePublished\" content=\"2025-09-22T14:28:29+02:00\">22\/09\/2025<\/time>\n\t\t<meta itemprop=\"dateModified\" class=\"date updated\" content=\"2025-09-22T14:28:42+02:00\">\n\t\t<span class=\"hide\" itemprop=\"publisher\" itemscope itemtype=\"https:\/\/schema.org\/Organization\">\n\t\t\t<meta itemprop=\"name\" content=\"SocialistesdMca\">\n\t\t\t<span itemprop=\"logo\" itemscope itemtype=\"https:\/\/schema.org\/ImageObject\">\n\t\t\t\t<meta itemprop=\"url\" content=\"https:\/\/www.psib-psoe.org\/mallorca\/wp-content\/themes\/notio-wp\/assets\/img\/logo.png\">\n\t\t\t<\/span>\n\t\t\t<meta itemprop=\"url\" content=\"https:\/\/www.psib-psoe.org\/mallorca\/\">\n\t\t<\/span>\n\t\t\t\t<span class=\"hide\" itemprop=\"image\" itemscope itemtype=\"http:\/\/schema.org\/ImageObject\">\n\t\t\t<meta itemprop=\"url\" content=\"https:\/\/www.psib-psoe.org\/mallorca\/wp-content\/uploads\/Ferrer-i-Martinez-Bennassar.jpeg\">\n\t\t\t<meta itemprop=\"width\" content=\"2560\">\n\t\t\t<meta itemprop=\"height\" content=\"1920\">\n\t\t<\/span>\n\t\t\t\t<meta itemscope itemprop=\"mainEntityOfPage\" itemtype=\"https:\/\/schema.org\/WebPage\" itemid=\"https:\/\/www.psib-psoe.org\/mallorca\/els-socialistes-valoren-laturada-de-la-demolicio-de-ledifici-de-bennassar-i-exigeixen-que-lajuntament-de-palma-catalogui-i-protegeixi-el-conjunt-com-es-va-dictar-des-del-consell-de\/\">\n\t<\/aside>\n\t\t<\/article>\n<\/div>\n<div class=\"small-12 large-4 columns\">\n\t<article itemscope itemtype=\"http:\/\/schema.org\/Article\" class=\"post blog-style7 alt post-30351 type-post status-publish format-standard has-post-thumbnail hentry category-consell-de-mallorca category-federacio-de-mallorca category-federacio-de-mallorca-portada category-municipis category-portada tag-amanda-fernandez tag-andreu-serra tag-bea-gamundi tag-biel-alomar tag-catalina-cladera tag-federacio-socialista-de-mallorca tag-jaume-mateu tag-joan-ferrer tag-joan-mendez-2 tag-juana-m-adrover tag-mallorca tag-palma tag-pepe-martinez tag-psib-psoe tag-sofia-alonso\" role=\"article\">\n\t\t<figure class=\"post-gallery\"><img loading=\"lazy\" decoding=\"async\" width=\"600\" height=\"400\" src=\"https:\/\/www.psib-psoe.org\/mallorca\/wp-content\/uploads\/250825_Joan-Ferrer-600x400.png\" class=\"attachment-notio-general-x2 size-notio-general-x2 wp-post-image\" alt=\"\" srcset=\"https:\/\/www.psib-psoe.org\/mallorca\/wp-content\/uploads\/250825_Joan-Ferrer-600x400.png 600w, https:\/\/www.psib-psoe.org\/mallorca\/wp-content\/uploads\/250825_Joan-Ferrer-300x200.png 300w, https:\/\/www.psib-psoe.org\/mallorca\/wp-content\/uploads\/250825_Joan-Ferrer-900x600.png 900w, https:\/\/www.psib-psoe.org\/mallorca\/wp-content\/uploads\/250825_Joan-Ferrer-20x13.png 20w\" sizes=\"(max-width: 600px) 100vw, 600px\" \/><\/figure>\n\t\t<div class=\"blog-top\">\n\t\t\t<header class=\"post-title entry-header\">\n\t\t\t\t<aside class=\"post-meta cf\">\n\t\t20\/09\/2025 \/ <a href=\"https:\/\/www.psib-psoe.org\/mallorca\/category\/consell-de-mallorca\/\" rel=\"category tag\">Consell de Mallorca<\/a>, <a href=\"https:\/\/www.psib-psoe.org\/mallorca\/category\/federacio-de-mallorca\/\" rel=\"category tag\">Federaci\u00f3 de Mallorca<\/a>, <a href=\"https:\/\/www.psib-psoe.org\/mallorca\/category\/federacio-de-mallorca-portada\/\" rel=\"category tag\">Federaci\u00f3 de Mallorca - Portada<\/a>, <a href=\"https:\/\/www.psib-psoe.org\/mallorca\/category\/municipis\/\" rel=\"category tag\">Municipis<\/a>, <a href=\"https:\/\/www.psib-psoe.org\/mallorca\/category\/portada\/\" rel=\"category tag\">Portada<\/a><\/aside>\n\t\t\t\t<h3 itemprop=\"headline\"><a href=\"https:\/\/www.psib-psoe.org\/mallorca\/el-grup-socialista-exigeix-fermesa-al-consell-de-mallorca-per-salvar-de-la-demolicio-ledifici-modernista-de-bennassar-a-palma-i-no-repetir-un-altre-cas-com-el-del-pont-des-tren\/\" title=\"El Grup Socialista exigeix fermesa al Consell de Mallorca per salvar de la demolici\u00f3 l\u2019edifici modernista de Benn\u00e0ssar a Palma i no repetir un altre cas com el del \u201cPont des Tren\u201d de 2005.\">El Grup Socialista exigeix fermesa al Consell de Mallorca per salvar de la demolici\u00f3 l\u2019edifici modernista de Benn\u00e0ssar a Palma i no repetir un altre cas com el del \u201cPont des Tren\u201d de 2005.<\/a><\/h3>\n\t\t\t<\/header>\n\t\t<\/div>\n\t\t<div class=\"post-content\">\n\t\t\t<a href=\"https:\/\/www.psib-psoe.org\/mallorca\/el-grup-socialista-exigeix-fermesa-al-consell-de-mallorca-per-salvar-de-la-demolicio-ledifici-modernista-de-bennassar-a-palma-i-no-repetir-un-altre-cas-com-el-del-pont-des-tren\/\" class=\"more-link\">Read More<\/a>\n\t\t<\/div>\n\t\t\t<aside class=\"post-bottom-meta hide\">\n\t\t<strong rel=\"author\" itemprop=\"author\" class=\"author vcard\"><span class=\"fn\">Albert<\/span><\/strong>\n\t\t<time class=\"date published time\" datetime=\"2025-09-20T09:46:30+02:00\" itemprop=\"datePublished\" content=\"2025-09-20T09:46:30+02:00\">20\/09\/2025<\/time>\n\t\t<meta itemprop=\"dateModified\" class=\"date updated\" content=\"2025-09-20T09:46:42+02:00\">\n\t\t<span class=\"hide\" itemprop=\"publisher\" itemscope itemtype=\"https:\/\/schema.org\/Organization\">\n\t\t\t<meta itemprop=\"name\" content=\"SocialistesdMca\">\n\t\t\t<span itemprop=\"logo\" itemscope itemtype=\"https:\/\/schema.org\/ImageObject\">\n\t\t\t\t<meta itemprop=\"url\" content=\"https:\/\/www.psib-psoe.org\/mallorca\/wp-content\/themes\/notio-wp\/assets\/img\/logo.png\">\n\t\t\t<\/span>\n\t\t\t<meta itemprop=\"url\" content=\"https:\/\/www.psib-psoe.org\/mallorca\/\">\n\t\t<\/span>\n\t\t\t\t<span class=\"hide\" itemprop=\"image\" itemscope itemtype=\"http:\/\/schema.org\/ImageObject\">\n\t\t\t<meta itemprop=\"url\" content=\"https:\/\/www.psib-psoe.org\/mallorca\/wp-content\/uploads\/250825_Joan-Ferrer.png\">\n\t\t\t<meta itemprop=\"width\" content=\"1190\">\n\t\t\t<meta itemprop=\"height\" content=\"1096\">\n\t\t<\/span>\n\t\t\t\t<meta itemscope itemprop=\"mainEntityOfPage\" itemtype=\"https:\/\/schema.org\/WebPage\" itemid=\"https:\/\/www.psib-psoe.org\/mallorca\/el-grup-socialista-exigeix-fermesa-al-consell-de-mallorca-per-salvar-de-la-demolicio-ledifici-modernista-de-bennassar-a-palma-i-no-repetir-un-altre-cas-com-el-del-pont-des-tren\/\">\n\t<\/aside>\n\t\t<\/article>\n<\/div>\n<div class=\"small-12 large-4 columns\">\n\t<article itemscope itemtype=\"http:\/\/schema.org\/Article\" class=\"post blog-style7 alt post-30347 type-post status-publish format-standard has-post-thumbnail hentry category-consell-de-mallorca category-federacio-de-mallorca category-federacio-de-mallorca-portada category-municipis category-portada tag-amanda-fernandez tag-andreu-serra tag-bea-gamundi tag-biel-alomar tag-catalina-cladera tag-federacio-socialista-de-mallorca tag-jaume-mateu tag-joan-ferrer tag-joan-mendez-2 tag-juana-m-adrover tag-mallorca tag-psib-psoe tag-sofia-alonso\" role=\"article\">\n\t\t<figure class=\"post-gallery\"><img loading=\"lazy\" decoding=\"async\" width=\"600\" height=\"400\" src=\"https:\/\/www.psib-psoe.org\/mallorca\/wp-content\/uploads\/Joan-Ferrer-1-600x400.jpeg\" class=\"attachment-notio-general-x2 size-notio-general-x2 wp-post-image\" alt=\"\" srcset=\"https:\/\/www.psib-psoe.org\/mallorca\/wp-content\/uploads\/Joan-Ferrer-1-600x400.jpeg 600w, https:\/\/www.psib-psoe.org\/mallorca\/wp-content\/uploads\/Joan-Ferrer-1-300x200.jpeg 300w, https:\/\/www.psib-psoe.org\/mallorca\/wp-content\/uploads\/Joan-Ferrer-1-900x600.jpeg 900w, https:\/\/www.psib-psoe.org\/mallorca\/wp-content\/uploads\/Joan-Ferrer-1-20x13.jpeg 20w\" sizes=\"(max-width: 600px) 100vw, 600px\" \/><\/figure>\n\t\t<div class=\"blog-top\">\n\t\t\t<header class=\"post-title entry-header\">\n\t\t\t\t<aside class=\"post-meta cf\">\n\t\t19\/09\/2025 \/ <a href=\"https:\/\/www.psib-psoe.org\/mallorca\/category\/consell-de-mallorca\/\" rel=\"category tag\">Consell de Mallorca<\/a>, <a href=\"https:\/\/www.psib-psoe.org\/mallorca\/category\/federacio-de-mallorca\/\" rel=\"category tag\">Federaci\u00f3 de Mallorca<\/a>, <a href=\"https:\/\/www.psib-psoe.org\/mallorca\/category\/federacio-de-mallorca-portada\/\" rel=\"category tag\">Federaci\u00f3 de Mallorca - Portada<\/a>, <a href=\"https:\/\/www.psib-psoe.org\/mallorca\/category\/municipis\/\" rel=\"category tag\">Municipis<\/a>, <a href=\"https:\/\/www.psib-psoe.org\/mallorca\/category\/portada\/\" rel=\"category tag\">Portada<\/a><\/aside>\n\t\t\t\t<h3 itemprop=\"headline\"><a href=\"https:\/\/www.psib-psoe.org\/mallorca\/el-grup-socialista-insta-al-consell-de-mallorca-a-evitar-lexposicio-de-publicitat-exterior-que-fomenta-lodi-i-el-racisme\/\" title=\"El Grup Socialista insta al Consell de Mallorca a evitar l\u2019exposici\u00f3 de publicitat exterior que fomenta l\u2019odi i el racisme.\">El Grup Socialista insta al Consell de Mallorca a evitar l\u2019exposici\u00f3 de publicitat exterior que fomenta l\u2019odi i el racisme.<\/a><\/h3>\n\t\t\t<\/header>\n\t\t<\/div>\n\t\t<div class=\"post-content\">\n\t\t\t<a href=\"https:\/\/www.psib-psoe.org\/mallorca\/el-grup-socialista-insta-al-consell-de-mallorca-a-evitar-lexposicio-de-publicitat-exterior-que-fomenta-lodi-i-el-racisme\/\" class=\"more-link\">Read More<\/a>\n\t\t<\/div>\n\t\t\t<aside class=\"post-bottom-meta hide\">\n\t\t<strong rel=\"author\" itemprop=\"author\" class=\"author vcard\"><span class=\"fn\">Albert<\/span><\/strong>\n\t\t<time class=\"date published time\" datetime=\"2025-09-19T11:43:29+02:00\" itemprop=\"datePublished\" content=\"2025-09-19T11:43:29+02:00\">19\/09\/2025<\/time>\n\t\t<meta itemprop=\"dateModified\" class=\"date updated\" content=\"2025-09-19T11:43:40+02:00\">\n\t\t<span class=\"hide\" itemprop=\"publisher\" itemscope itemtype=\"https:\/\/schema.org\/Organization\">\n\t\t\t<meta itemprop=\"name\" content=\"SocialistesdMca\">\n\t\t\t<span itemprop=\"logo\" itemscope itemtype=\"https:\/\/schema.org\/ImageObject\">\n\t\t\t\t<meta itemprop=\"url\" content=\"https:\/\/www.psib-psoe.org\/mallorca\/wp-content\/themes\/notio-wp\/assets\/img\/logo.png\">\n\t\t\t<\/span>\n\t\t\t<meta itemprop=\"url\" content=\"https:\/\/www.psib-psoe.org\/mallorca\/\">\n\t\t<\/span>\n\t\t\t\t<span class=\"hide\" itemprop=\"image\" itemscope itemtype=\"http:\/\/schema.org\/ImageObject\">\n\t\t\t<meta itemprop=\"url\" content=\"https:\/\/www.psib-psoe.org\/mallorca\/wp-content\/uploads\/Joan-Ferrer-1.jpeg\">\n\t\t\t<meta itemprop=\"width\" content=\"1017\">\n\t\t\t<meta itemprop=\"height\" content=\"1444\">\n\t\t<\/span>\n\t\t\t\t<meta itemscope itemprop=\"mainEntityOfPage\" itemtype=\"https:\/\/schema.org\/WebPage\" itemid=\"https:\/\/www.psib-psoe.org\/mallorca\/el-grup-socialista-insta-al-consell-de-mallorca-a-evitar-lexposicio-de-publicitat-exterior-que-fomenta-lodi-i-el-racisme\/\">\n\t<\/aside>\n\t\t<\/article>\n<\/div>\n<div class=\"small-12 large-4 columns\">\n\t<article itemscope itemtype=\"http:\/\/schema.org\/Article\" class=\"post blog-style7 alt post-30342 type-post status-publish format-standard has-post-thumbnail hentry category-consell-de-mallorca category-federacio-de-mallorca category-federacio-de-mallorca-portada category-municipis category-portada tag-amanda-fernandez tag-andreu-serra tag-ares-fernandez tag-catalina-cladera tag-federacio-socialista-de-mallorca tag-iago-negueruela tag-mallorca tag-paula-ginard tag-psib-psoe tag-sofia-alonso tag-tolo-aguilar\" role=\"article\">\n\t\t<figure class=\"post-gallery\"><img loading=\"lazy\" decoding=\"async\" width=\"600\" height=\"400\" src=\"https:\/\/www.psib-psoe.org\/mallorca\/wp-content\/uploads\/Executiva-FSM-Algaida-600x400.jpeg\" class=\"attachment-notio-general-x2 size-notio-general-x2 wp-post-image\" alt=\"\" srcset=\"https:\/\/www.psib-psoe.org\/mallorca\/wp-content\/uploads\/Executiva-FSM-Algaida-600x400.jpeg 600w, https:\/\/www.psib-psoe.org\/mallorca\/wp-content\/uploads\/Executiva-FSM-Algaida-300x200.jpeg 300w, https:\/\/www.psib-psoe.org\/mallorca\/wp-content\/uploads\/Executiva-FSM-Algaida-900x600.jpeg 900w, https:\/\/www.psib-psoe.org\/mallorca\/wp-content\/uploads\/Executiva-FSM-Algaida-20x13.jpeg 20w\" sizes=\"(max-width: 600px) 100vw, 600px\" \/><\/figure>\n\t\t<div class=\"blog-top\">\n\t\t\t<header class=\"post-title entry-header\">\n\t\t\t\t<aside class=\"post-meta cf\">\n\t\t18\/09\/2025 \/ <a href=\"https:\/\/www.psib-psoe.org\/mallorca\/category\/consell-de-mallorca\/\" rel=\"category tag\">Consell de Mallorca<\/a>, <a href=\"https:\/\/www.psib-psoe.org\/mallorca\/category\/federacio-de-mallorca\/\" rel=\"category tag\">Federaci\u00f3 de Mallorca<\/a>, <a href=\"https:\/\/www.psib-psoe.org\/mallorca\/category\/federacio-de-mallorca-portada\/\" rel=\"category tag\">Federaci\u00f3 de Mallorca - Portada<\/a>, <a href=\"https:\/\/www.psib-psoe.org\/mallorca\/category\/municipis\/\" rel=\"category tag\">Municipis<\/a>, <a href=\"https:\/\/www.psib-psoe.org\/mallorca\/category\/portada\/\" rel=\"category tag\">Portada<\/a><\/aside>\n\t\t\t\t<h3 itemprop=\"headline\"><a href=\"https:\/\/www.psib-psoe.org\/mallorca\/lexecutiva-fsm-es-reuneix-a-algaida-per-denunciar-els-atacs-homofobs-i-feixistes-de-vox-per-una-actuacio-contractada-per-lajuntament-amb-motiu-del-darrer-algaidart\/\" title=\"L\u2019Executiva FSM es reuneix a Algaida per denunciar els atacs hom\u00f2fobs i feixistes de Vox, per una actuaci\u00f3 contractada per l\u2019Ajuntament amb motiu del darrer Algaid\u2019Art.\">L\u2019Executiva FSM es reuneix a Algaida per denunciar els atacs hom\u00f2fobs i feixistes de Vox, per una actuaci\u00f3 contractada per l\u2019Ajuntament amb motiu del darrer Algaid\u2019Art.<\/a><\/h3>\n\t\t\t<\/header>\n\t\t<\/div>\n\t\t<div class=\"post-content\">\n\t\t\t<a href=\"https:\/\/www.psib-psoe.org\/mallorca\/lexecutiva-fsm-es-reuneix-a-algaida-per-denunciar-els-atacs-homofobs-i-feixistes-de-vox-per-una-actuacio-contractada-per-lajuntament-amb-motiu-del-darrer-algaidart\/\" class=\"more-link\">Read More<\/a>\n\t\t<\/div>\n\t\t\t<aside class=\"post-bottom-meta hide\">\n\t\t<strong rel=\"author\" itemprop=\"author\" class=\"author vcard\"><span class=\"fn\">Albert<\/span><\/strong>\n\t\t<time class=\"date published time\" datetime=\"2025-09-18T19:14:29+02:00\" itemprop=\"datePublished\" content=\"2025-09-18T19:14:29+02:00\">18\/09\/2025<\/time>\n\t\t<meta itemprop=\"dateModified\" class=\"date updated\" content=\"2025-09-18T19:14:40+02:00\">\n\t\t<span class=\"hide\" itemprop=\"publisher\" itemscope itemtype=\"https:\/\/schema.org\/Organization\">\n\t\t\t<meta itemprop=\"name\" content=\"SocialistesdMca\">\n\t\t\t<span itemprop=\"logo\" itemscope itemtype=\"https:\/\/schema.org\/ImageObject\">\n\t\t\t\t<meta itemprop=\"url\" content=\"https:\/\/www.psib-psoe.org\/mallorca\/wp-content\/themes\/notio-wp\/assets\/img\/logo.png\">\n\t\t\t<\/span>\n\t\t\t<meta itemprop=\"url\" content=\"https:\/\/www.psib-psoe.org\/mallorca\/\">\n\t\t<\/span>\n\t\t\t\t<span class=\"hide\" itemprop=\"image\" itemscope itemtype=\"http:\/\/schema.org\/ImageObject\">\n\t\t\t<meta itemprop=\"url\" content=\"https:\/\/www.psib-psoe.org\/mallorca\/wp-content\/uploads\/Executiva-FSM-Algaida-scaled.jpeg\">\n\t\t\t<meta itemprop=\"width\" content=\"2560\">\n\t\t\t<meta itemprop=\"height\" content=\"1920\">\n\t\t<\/span>\n\t\t\t\t<meta itemscope itemprop=\"mainEntityOfPage\" itemtype=\"https:\/\/schema.org\/WebPage\" itemid=\"https:\/\/www.psib-psoe.org\/mallorca\/lexecutiva-fsm-es-reuneix-a-algaida-per-denunciar-els-atacs-homofobs-i-feixistes-de-vox-per-una-actuacio-contractada-per-lajuntament-amb-motiu-del-darrer-algaidart\/\">\n\t<\/aside>\n\t\t<\/article>\n<\/div>\n<div class=\"small-12 large-4 columns\">\n\t<article itemscope itemtype=\"http:\/\/schema.org\/Article\" class=\"post blog-style7 alt post-30338 type-post status-publish format-standard has-post-thumbnail hentry category-consell-de-mallorca category-federacio-de-mallorca category-federacio-de-mallorca-portada category-municipis category-portada tag-amanda-fernandez tag-andreu-serra tag-bea-gamundi tag-biel-alomar tag-catalina-cladera tag-consell-de-mallorca tag-federacio-socialista-de-mallorca tag-jaume-mateu tag-joan-ferrer tag-juana-m-adrover tag-mallorca tag-psib-psoe tag-sofia-alonso\" role=\"article\">\n\t\t<figure class=\"post-gallery\"><img loading=\"lazy\" decoding=\"async\" width=\"600\" height=\"400\" src=\"https:\/\/www.psib-psoe.org\/mallorca\/wp-content\/uploads\/Ple-110925-600x400.jpeg\" class=\"attachment-notio-general-x2 size-notio-general-x2 wp-post-image\" alt=\"\" srcset=\"https:\/\/www.psib-psoe.org\/mallorca\/wp-content\/uploads\/Ple-110925-600x400.jpeg 600w, https:\/\/www.psib-psoe.org\/mallorca\/wp-content\/uploads\/Ple-110925-300x200.jpeg 300w, https:\/\/www.psib-psoe.org\/mallorca\/wp-content\/uploads\/Ple-110925-900x600.jpeg 900w, https:\/\/www.psib-psoe.org\/mallorca\/wp-content\/uploads\/Ple-110925-20x13.jpeg 20w\" sizes=\"(max-width: 600px) 100vw, 600px\" \/><\/figure>\n\t\t<div class=\"blog-top\">\n\t\t\t<header class=\"post-title entry-header\">\n\t\t\t\t<aside class=\"post-meta cf\">\n\t\t18\/09\/2025 \/ <a href=\"https:\/\/www.psib-psoe.org\/mallorca\/category\/consell-de-mallorca\/\" rel=\"category tag\">Consell de Mallorca<\/a>, <a href=\"https:\/\/www.psib-psoe.org\/mallorca\/category\/federacio-de-mallorca\/\" rel=\"category tag\">Federaci\u00f3 de Mallorca<\/a>, <a href=\"https:\/\/www.psib-psoe.org\/mallorca\/category\/federacio-de-mallorca-portada\/\" rel=\"category tag\">Federaci\u00f3 de Mallorca - Portada<\/a>, <a href=\"https:\/\/www.psib-psoe.org\/mallorca\/category\/municipis\/\" rel=\"category tag\">Municipis<\/a>, <a href=\"https:\/\/www.psib-psoe.org\/mallorca\/category\/portada\/\" rel=\"category tag\">Portada<\/a><\/aside>\n\t\t\t\t<h3 itemprop=\"headline\"><a href=\"https:\/\/www.psib-psoe.org\/mallorca\/linforme-de-la-comunitat-autonoma-deixa-la-portaveu-del-pp-nuria-riera-en-una-situacio-politica-insostenible\/\" title=\"L\u2019informe de la Comunitat Aut\u00f2noma deixa la portaveu del PP N\u00faria Riera en una situaci\u00f3 pol\u00edtica insostenible.\">L\u2019informe de la Comunitat Aut\u00f2noma deixa la portaveu del PP N\u00faria Riera en una situaci\u00f3 pol\u00edtica insostenible.<\/a><\/h3>\n\t\t\t<\/header>\n\t\t<\/div>\n\t\t<div class=\"post-content\">\n\t\t\t<a href=\"https:\/\/www.psib-psoe.org\/mallorca\/linforme-de-la-comunitat-autonoma-deixa-la-portaveu-del-pp-nuria-riera-en-una-situacio-politica-insostenible\/\" class=\"more-link\">Read More<\/a>\n\t\t<\/div>\n\t\t\t<aside class=\"post-bottom-meta hide\">\n\t\t<strong rel=\"author\" itemprop=\"author\" class=\"author vcard\"><span class=\"fn\">Albert<\/span><\/strong>\n\t\t<time class=\"date published time\" datetime=\"2025-09-18T11:54:15+02:00\" itemprop=\"datePublished\" content=\"2025-09-18T11:54:15+02:00\">18\/09\/2025<\/time>\n\t\t<meta itemprop=\"dateModified\" class=\"date updated\" content=\"2025-09-18T11:54:27+02:00\">\n\t\t<span class=\"hide\" itemprop=\"publisher\" itemscope itemtype=\"https:\/\/schema.org\/Organization\">\n\t\t\t<meta itemprop=\"name\" content=\"SocialistesdMca\">\n\t\t\t<span itemprop=\"logo\" itemscope itemtype=\"https:\/\/schema.org\/ImageObject\">\n\t\t\t\t<meta itemprop=\"url\" content=\"https:\/\/www.psib-psoe.org\/mallorca\/wp-content\/themes\/notio-wp\/assets\/img\/logo.png\">\n\t\t\t<\/span>\n\t\t\t<meta itemprop=\"url\" content=\"https:\/\/www.psib-psoe.org\/mallorca\/\">\n\t\t<\/span>\n\t\t\t\t<span class=\"hide\" itemprop=\"image\" itemscope itemtype=\"http:\/\/schema.org\/ImageObject\">\n\t\t\t<meta itemprop=\"url\" content=\"https:\/\/www.psib-psoe.org\/mallorca\/wp-content\/uploads\/Ple-110925.jpeg\">\n\t\t\t<meta itemprop=\"width\" content=\"1486\">\n\t\t\t<meta itemprop=\"height\" content=\"678\">\n\t\t<\/span>\n\t\t\t\t<meta itemscope itemprop=\"mainEntityOfPage\" itemtype=\"https:\/\/schema.org\/WebPage\" itemid=\"https:\/\/www.psib-psoe.org\/mallorca\/linforme-de-la-comunitat-autonoma-deixa-la-portaveu-del-pp-nuria-riera-en-una-situacio-politica-insostenible\/\">\n\t<\/aside>\n\t\t<\/article>\n<\/div>\n<div class=\"small-12 large-4 columns\">\n\t<article itemscope itemtype=\"http:\/\/schema.org\/Article\" class=\"post blog-style7 alt post-30335 type-post status-publish format-standard has-post-thumbnail hentry category-consell-de-mallorca category-federacio-de-mallorca category-federacio-de-mallorca-portada category-municipis category-portada tag-amanda-fernandez tag-antoni-bordoy tag-catalina-cladera tag-consell-de-mallorca tag-federacio-socialista-de-mallorca tag-mallorca tag-monica-font tag-psib-psoe tag-tolo-aguilar\" role=\"article\">\n\t\t<figure class=\"post-gallery\"><img loading=\"lazy\" decoding=\"async\" width=\"600\" height=\"400\" src=\"https:\/\/www.psib-psoe.org\/mallorca\/wp-content\/uploads\/Monica-Font-1-e1776420871434-600x400.jpeg\" class=\"attachment-notio-general-x2 size-notio-general-x2 wp-post-image\" alt=\"\" srcset=\"https:\/\/www.psib-psoe.org\/mallorca\/wp-content\/uploads\/Monica-Font-1-e1776420871434-600x400.jpeg 600w, https:\/\/www.psib-psoe.org\/mallorca\/wp-content\/uploads\/Monica-Font-1-e1776420871434-300x200.jpeg 300w, https:\/\/www.psib-psoe.org\/mallorca\/wp-content\/uploads\/Monica-Font-1-e1776420871434-900x600.jpeg 900w, https:\/\/www.psib-psoe.org\/mallorca\/wp-content\/uploads\/Monica-Font-1-e1776420871434-20x13.jpeg 20w\" sizes=\"(max-width: 600px) 100vw, 600px\" \/><\/figure>\n\t\t<div class=\"blog-top\">\n\t\t\t<header class=\"post-title entry-header\">\n\t\t\t\t<aside class=\"post-meta cf\">\n\t\t17\/09\/2025 \/ <a href=\"https:\/\/www.psib-psoe.org\/mallorca\/category\/consell-de-mallorca\/\" rel=\"category tag\">Consell de Mallorca<\/a>, <a href=\"https:\/\/www.psib-psoe.org\/mallorca\/category\/federacio-de-mallorca\/\" rel=\"category tag\">Federaci\u00f3 de Mallorca<\/a>, <a href=\"https:\/\/www.psib-psoe.org\/mallorca\/category\/federacio-de-mallorca-portada\/\" rel=\"category tag\">Federaci\u00f3 de Mallorca - Portada<\/a>, <a href=\"https:\/\/www.psib-psoe.org\/mallorca\/category\/municipis\/\" rel=\"category tag\">Municipis<\/a>, <a href=\"https:\/\/www.psib-psoe.org\/mallorca\/category\/portada\/\" rel=\"category tag\">Portada<\/a><\/aside>\n\t\t\t\t<h3 itemprop=\"headline\"><a href=\"https:\/\/www.psib-psoe.org\/mallorca\/monica-font-assumeix-el-lideratge-dels-socialistes-desporles-amb-una-executiva-renovada-i-enfocada-a-les-municipals-de-2027\/\" title=\"M\u00f2nica Font assumeix el lideratge dels Socialistes d\u2019Esporles amb una executiva renovada i enfocada a les Municipals de 2027.\">M\u00f2nica Font assumeix el lideratge dels Socialistes d\u2019Esporles amb una executiva renovada i enfocada a les Municipals de 2027.<\/a><\/h3>\n\t\t\t<\/header>\n\t\t<\/div>\n\t\t<div class=\"post-content\">\n\t\t\t<a href=\"https:\/\/www.psib-psoe.org\/mallorca\/monica-font-assumeix-el-lideratge-dels-socialistes-desporles-amb-una-executiva-renovada-i-enfocada-a-les-municipals-de-2027\/\" class=\"more-link\">Read More<\/a>\n\t\t<\/div>\n\t\t\t<aside class=\"post-bottom-meta hide\">\n\t\t<strong rel=\"author\" itemprop=\"author\" class=\"author vcard\"><span class=\"fn\">Albert<\/span><\/strong>\n\t\t<time class=\"date published time\" datetime=\"2025-09-17T14:03:46+02:00\" itemprop=\"datePublished\" content=\"2025-09-17T14:03:46+02:00\">17\/09\/2025<\/time>\n\t\t<meta itemprop=\"dateModified\" class=\"date updated\" content=\"2025-09-17T14:03:57+02:00\">\n\t\t<span class=\"hide\" itemprop=\"publisher\" itemscope itemtype=\"https:\/\/schema.org\/Organization\">\n\t\t\t<meta itemprop=\"name\" content=\"SocialistesdMca\">\n\t\t\t<span itemprop=\"logo\" itemscope itemtype=\"https:\/\/schema.org\/ImageObject\">\n\t\t\t\t<meta itemprop=\"url\" content=\"https:\/\/www.psib-psoe.org\/mallorca\/wp-content\/themes\/notio-wp\/assets\/img\/logo.png\">\n\t\t\t<\/span>\n\t\t\t<meta itemprop=\"url\" content=\"https:\/\/www.psib-psoe.org\/mallorca\/\">\n\t\t<\/span>\n\t\t\t\t<span class=\"hide\" itemprop=\"image\" itemscope itemtype=\"http:\/\/schema.org\/ImageObject\">\n\t\t\t<meta itemprop=\"url\" content=\"https:\/\/www.psib-psoe.org\/mallorca\/wp-content\/uploads\/Monica-Font-1-e1776420871434.jpeg\">\n\t\t\t<meta itemprop=\"width\" content=\"1536\">\n\t\t\t<meta itemprop=\"height\" content=\"1259\">\n\t\t<\/span>\n\t\t\t\t<meta itemscope itemprop=\"mainEntityOfPage\" itemtype=\"https:\/\/schema.org\/WebPage\" itemid=\"https:\/\/www.psib-psoe.org\/mallorca\/monica-font-assumeix-el-lideratge-dels-socialistes-desporles-amb-una-executiva-renovada-i-enfocada-a-les-municipals-de-2027\/\">\n\t<\/aside>\n\t\t<\/article>\n<\/div>\n<div class=\"small-12 large-4 columns\">\n\t<article itemscope itemtype=\"http:\/\/schema.org\/Article\" class=\"post blog-style7 alt post-30327 type-post status-publish format-standard has-post-thumbnail hentry category-consell-de-mallorca category-federacio-de-mallorca category-federacio-de-mallorca-portada category-municipis category-portada tag-amanda-fernandez tag-andreu-serra tag-bea-gamundi tag-biel-alomar tag-catalina-cladera tag-consell-de-mallorca tag-federacio-socialista-de-mallorca tag-jaume-mateu tag-joan-ferrer tag-juana-m-adrover tag-mallorca tag-palma tag-pepe-martinez tag-psib-psoe tag-sofia-alonso\" role=\"article\">\n\t\t<figure class=\"post-gallery\"><img loading=\"lazy\" decoding=\"async\" width=\"600\" height=\"400\" src=\"https:\/\/www.psib-psoe.org\/mallorca\/wp-content\/uploads\/Ferrer-i-Martinez-Bennassar-600x400.jpeg\" class=\"attachment-notio-general-x2 size-notio-general-x2 wp-post-image\" alt=\"\" srcset=\"https:\/\/www.psib-psoe.org\/mallorca\/wp-content\/uploads\/Ferrer-i-Martinez-Bennassar-600x400.jpeg 600w, https:\/\/www.psib-psoe.org\/mallorca\/wp-content\/uploads\/Ferrer-i-Martinez-Bennassar-300x200.jpeg 300w, https:\/\/www.psib-psoe.org\/mallorca\/wp-content\/uploads\/Ferrer-i-Martinez-Bennassar-900x600.jpeg 900w, https:\/\/www.psib-psoe.org\/mallorca\/wp-content\/uploads\/Ferrer-i-Martinez-Bennassar-20x13.jpeg 20w\" sizes=\"(max-width: 600px) 100vw, 600px\" \/><\/figure>\n\t\t<div class=\"blog-top\">\n\t\t\t<header class=\"post-title entry-header\">\n\t\t\t\t<aside class=\"post-meta cf\">\n\t\t17\/09\/2025 \/ <a href=\"https:\/\/www.psib-psoe.org\/mallorca\/category\/consell-de-mallorca\/\" rel=\"category tag\">Consell de Mallorca<\/a>, <a href=\"https:\/\/www.psib-psoe.org\/mallorca\/category\/federacio-de-mallorca\/\" rel=\"category tag\">Federaci\u00f3 de Mallorca<\/a>, <a href=\"https:\/\/www.psib-psoe.org\/mallorca\/category\/federacio-de-mallorca-portada\/\" rel=\"category tag\">Federaci\u00f3 de Mallorca - Portada<\/a>, <a href=\"https:\/\/www.psib-psoe.org\/mallorca\/category\/municipis\/\" rel=\"category tag\">Municipis<\/a>, <a href=\"https:\/\/www.psib-psoe.org\/mallorca\/category\/portada\/\" rel=\"category tag\">Portada<\/a><\/aside>\n\t\t\t\t<h3 itemprop=\"headline\"><a href=\"https:\/\/www.psib-psoe.org\/mallorca\/els-socialistes-exigeixen-la-paralitzacio-immediata-de-lesbucament-i-la-proteccio-a-traves-de-la-catalogacio-patrimonial-de-ledifici-de-gaspar-bennassar-al-carrer-31-de-desembre-de-2\/\" title=\"Els socialistes exigeixen la paralitzaci\u00f3 immediata de l\u2019esbucament, i la protecci\u00f3 a trav\u00e9s de la catalogaci\u00f3 patrimonial de l\u2019edifici de Gaspar Benn\u00e0ssar al carrer 31 de desembre de Palma.\">Els socialistes exigeixen la paralitzaci\u00f3 immediata de l\u2019esbucament, i la protecci\u00f3 a trav\u00e9s de la catalogaci\u00f3 patrimonial de l\u2019edifici de Gaspar Benn\u00e0ssar al carrer 31 de desembre de Palma.<\/a><\/h3>\n\t\t\t<\/header>\n\t\t<\/div>\n\t\t<div class=\"post-content\">\n\t\t\t<a href=\"https:\/\/www.psib-psoe.org\/mallorca\/els-socialistes-exigeixen-la-paralitzacio-immediata-de-lesbucament-i-la-proteccio-a-traves-de-la-catalogacio-patrimonial-de-ledifici-de-gaspar-bennassar-al-carrer-31-de-desembre-de-2\/\" class=\"more-link\">Read More<\/a>\n\t\t<\/div>\n\t\t\t<aside class=\"post-bottom-meta hide\">\n\t\t<strong rel=\"author\" itemprop=\"author\" class=\"author vcard\"><span class=\"fn\">Albert<\/span><\/strong>\n\t\t<time class=\"date published time\" datetime=\"2025-09-17T12:57:40+02:00\" itemprop=\"datePublished\" content=\"2025-09-17T12:57:40+02:00\">17\/09\/2025<\/time>\n\t\t<meta itemprop=\"dateModified\" class=\"date updated\" content=\"2025-09-17T12:57:52+02:00\">\n\t\t<span class=\"hide\" itemprop=\"publisher\" itemscope itemtype=\"https:\/\/schema.org\/Organization\">\n\t\t\t<meta itemprop=\"name\" content=\"SocialistesdMca\">\n\t\t\t<span itemprop=\"logo\" itemscope itemtype=\"https:\/\/schema.org\/ImageObject\">\n\t\t\t\t<meta itemprop=\"url\" content=\"https:\/\/www.psib-psoe.org\/mallorca\/wp-content\/themes\/notio-wp\/assets\/img\/logo.png\">\n\t\t\t<\/span>\n\t\t\t<meta itemprop=\"url\" content=\"https:\/\/www.psib-psoe.org\/mallorca\/\">\n\t\t<\/span>\n\t\t\t\t<span class=\"hide\" itemprop=\"image\" itemscope itemtype=\"http:\/\/schema.org\/ImageObject\">\n\t\t\t<meta itemprop=\"url\" content=\"https:\/\/www.psib-psoe.org\/mallorca\/wp-content\/uploads\/Ferrer-i-Martinez-Bennassar.jpeg\">\n\t\t\t<meta itemprop=\"width\" content=\"2560\">\n\t\t\t<meta itemprop=\"height\" content=\"1920\">\n\t\t<\/span>\n\t\t\t\t<meta itemscope itemprop=\"mainEntityOfPage\" itemtype=\"https:\/\/schema.org\/WebPage\" itemid=\"https:\/\/www.psib-psoe.org\/mallorca\/els-socialistes-exigeixen-la-paralitzacio-immediata-de-lesbucament-i-la-proteccio-a-traves-de-la-catalogacio-patrimonial-de-ledifici-de-gaspar-bennassar-al-carrer-31-de-desembre-de-2\/\">\n\t<\/aside>\n\t\t<\/article>\n<\/div>\n<div class=\"small-12 large-4 columns\">\n\t<article itemscope itemtype=\"http:\/\/schema.org\/Article\" class=\"post blog-style7 alt post-30319 type-post status-publish format-standard has-post-thumbnail hentry category-consell-de-mallorca category-federacio-de-mallorca category-federacio-de-mallorca-portada category-municipis category-portada tag-amanda-fernandez tag-andreu-isern tag-catalina-cladera tag-consell-de-mallorca tag-federacio-socialista-de-mallorca tag-malena-riudavets tag-mallorca tag-miquel-cabot tag-psib-psoe tag-rafel-llobet tag-tolo-aguilar\" role=\"article\">\n\t\t<figure class=\"post-gallery\"><img loading=\"lazy\" decoding=\"async\" width=\"600\" height=\"400\" src=\"https:\/\/www.psib-psoe.org\/mallorca\/wp-content\/uploads\/Assemblea-2-1-600x400.jpeg\" class=\"attachment-notio-general-x2 size-notio-general-x2 wp-post-image\" alt=\"\" srcset=\"https:\/\/www.psib-psoe.org\/mallorca\/wp-content\/uploads\/Assemblea-2-1-600x400.jpeg 600w, https:\/\/www.psib-psoe.org\/mallorca\/wp-content\/uploads\/Assemblea-2-1-300x200.jpeg 300w, https:\/\/www.psib-psoe.org\/mallorca\/wp-content\/uploads\/Assemblea-2-1-900x600.jpeg 900w, https:\/\/www.psib-psoe.org\/mallorca\/wp-content\/uploads\/Assemblea-2-1-20x13.jpeg 20w\" sizes=\"(max-width: 600px) 100vw, 600px\" \/><\/figure>\n\t\t<div class=\"blog-top\">\n\t\t\t<header class=\"post-title entry-header\">\n\t\t\t\t<aside class=\"post-meta cf\">\n\t\t15\/09\/2025 \/ <a href=\"https:\/\/www.psib-psoe.org\/mallorca\/category\/consell-de-mallorca\/\" rel=\"category tag\">Consell de Mallorca<\/a>, <a href=\"https:\/\/www.psib-psoe.org\/mallorca\/category\/federacio-de-mallorca\/\" rel=\"category tag\">Federaci\u00f3 de Mallorca<\/a>, <a href=\"https:\/\/www.psib-psoe.org\/mallorca\/category\/federacio-de-mallorca-portada\/\" rel=\"category tag\">Federaci\u00f3 de Mallorca - Portada<\/a>, <a href=\"https:\/\/www.psib-psoe.org\/mallorca\/category\/municipis\/\" rel=\"category tag\">Municipis<\/a>, <a href=\"https:\/\/www.psib-psoe.org\/mallorca\/category\/portada\/\" rel=\"category tag\">Portada<\/a><\/aside>\n\t\t\t\t<h3 itemprop=\"headline\"><a href=\"https:\/\/www.psib-psoe.org\/mallorca\/rafel-llobet-nou-secretari-general-de-lagrupacio-socialista-de-consell-2\/\" title=\"Rafel Llobet, nou secretari general de l\u2019Agrupaci\u00f3 Socialista de Consell.\">Rafel Llobet, nou secretari general de l\u2019Agrupaci\u00f3 Socialista de Consell.<\/a><\/h3>\n\t\t\t<\/header>\n\t\t<\/div>\n\t\t<div class=\"post-content\">\n\t\t\t<a href=\"https:\/\/www.psib-psoe.org\/mallorca\/rafel-llobet-nou-secretari-general-de-lagrupacio-socialista-de-consell-2\/\" class=\"more-link\">Read More<\/a>\n\t\t<\/div>\n\t\t\t<aside class=\"post-bottom-meta hide\">\n\t\t<strong rel=\"author\" itemprop=\"author\" class=\"author vcard\"><span class=\"fn\">Albert<\/span><\/strong>\n\t\t<time class=\"date published time\" datetime=\"2025-09-15T13:51:17+02:00\" itemprop=\"datePublished\" content=\"2025-09-15T13:51:17+02:00\">15\/09\/2025<\/time>\n\t\t<meta itemprop=\"dateModified\" class=\"date updated\" content=\"2025-09-17T13:02:41+02:00\">\n\t\t<span class=\"hide\" itemprop=\"publisher\" itemscope itemtype=\"https:\/\/schema.org\/Organization\">\n\t\t\t<meta itemprop=\"name\" content=\"SocialistesdMca\">\n\t\t\t<span itemprop=\"logo\" itemscope itemtype=\"https:\/\/schema.org\/ImageObject\">\n\t\t\t\t<meta itemprop=\"url\" content=\"https:\/\/www.psib-psoe.org\/mallorca\/wp-content\/themes\/notio-wp\/assets\/img\/logo.png\">\n\t\t\t<\/span>\n\t\t\t<meta itemprop=\"url\" content=\"https:\/\/www.psib-psoe.org\/mallorca\/\">\n\t\t<\/span>\n\t\t\t\t<span class=\"hide\" itemprop=\"image\" itemscope itemtype=\"http:\/\/schema.org\/ImageObject\">\n\t\t\t<meta itemprop=\"url\" content=\"https:\/\/www.psib-psoe.org\/mallorca\/wp-content\/uploads\/Assemblea-2-1.jpeg\">\n\t\t\t<meta itemprop=\"width\" content=\"1600\">\n\t\t\t<meta itemprop=\"height\" content=\"1200\">\n\t\t<\/span>\n\t\t\t\t<meta itemscope itemprop=\"mainEntityOfPage\" itemtype=\"https:\/\/schema.org\/WebPage\" itemid=\"https:\/\/www.psib-psoe.org\/mallorca\/rafel-llobet-nou-secretari-general-de-lagrupacio-socialista-de-consell-2\/\">\n\t<\/aside>\n\t\t<\/article>\n<\/div>\n<div class=\"small-12 large-4 columns\">\n\t<article itemscope itemtype=\"http:\/\/schema.org\/Article\" class=\"post blog-style7 alt post-30315 type-post status-publish format-standard has-post-thumbnail hentry category-consell-de-mallorca category-federacio-de-mallorca category-federacio-de-mallorca-portada category-municipis category-portada tag-amanda-fernandez tag-andreu-serra tag-bea-gamundi tag-biel-alomar tag-catalina-cladera tag-consell-de-mallorca tag-federacio-socialista-de-mallorca tag-jaume-mateu tag-joan-ferrer tag-juana-m-adrover tag-mallorca tag-psib-psoe tag-sofia-alonso\" role=\"article\">\n\t\t<figure class=\"post-gallery\"><img loading=\"lazy\" decoding=\"async\" width=\"600\" height=\"400\" src=\"https:\/\/www.psib-psoe.org\/mallorca\/wp-content\/uploads\/020925_Catalina-Cladera-i-Andreu-Serra-600x400.jpg\" class=\"attachment-notio-general-x2 size-notio-general-x2 wp-post-image\" alt=\"\" srcset=\"https:\/\/www.psib-psoe.org\/mallorca\/wp-content\/uploads\/020925_Catalina-Cladera-i-Andreu-Serra-600x400.jpg 600w, https:\/\/www.psib-psoe.org\/mallorca\/wp-content\/uploads\/020925_Catalina-Cladera-i-Andreu-Serra-300x200.jpg 300w, https:\/\/www.psib-psoe.org\/mallorca\/wp-content\/uploads\/020925_Catalina-Cladera-i-Andreu-Serra-900x600.jpg 900w, https:\/\/www.psib-psoe.org\/mallorca\/wp-content\/uploads\/020925_Catalina-Cladera-i-Andreu-Serra-20x13.jpg 20w\" sizes=\"(max-width: 600px) 100vw, 600px\" \/><\/figure>\n\t\t<div class=\"blog-top\">\n\t\t\t<header class=\"post-title entry-header\">\n\t\t\t\t<aside class=\"post-meta cf\">\n\t\t15\/09\/2025 \/ <a href=\"https:\/\/www.psib-psoe.org\/mallorca\/category\/consell-de-mallorca\/\" rel=\"category tag\">Consell de Mallorca<\/a>, <a href=\"https:\/\/www.psib-psoe.org\/mallorca\/category\/federacio-de-mallorca\/\" rel=\"category tag\">Federaci\u00f3 de Mallorca<\/a>, <a href=\"https:\/\/www.psib-psoe.org\/mallorca\/category\/federacio-de-mallorca-portada\/\" rel=\"category tag\">Federaci\u00f3 de Mallorca - Portada<\/a>, <a href=\"https:\/\/www.psib-psoe.org\/mallorca\/category\/municipis\/\" rel=\"category tag\">Municipis<\/a>, <a href=\"https:\/\/www.psib-psoe.org\/mallorca\/category\/portada\/\" rel=\"category tag\">Portada<\/a><\/aside>\n\t\t\t\t<h3 itemprop=\"headline\"><a href=\"https:\/\/www.psib-psoe.org\/mallorca\/cladera-mentre-que-el-govern-de-lestat-es-contundent-contra-lallotjament-turistic-illegal-a-mallorca-marcial-rodriguez-i-galmes-no-fan-res\/\" title=\"Cladera: \u201cmentre que el Govern de l\u2019Estat \u00e9s contundent contra l\u2019allotjament tur\u00edstic il\u00b7legal, a Mallorca, Marcial Rodr\u00edguez i Galm\u00e9s no fan res\u201d.\">Cladera: \u201cmentre que el Govern de l\u2019Estat \u00e9s contundent contra l\u2019allotjament tur\u00edstic il\u00b7legal, a Mallorca, Marcial Rodr\u00edguez i Galm\u00e9s no fan res\u201d.<\/a><\/h3>\n\t\t\t<\/header>\n\t\t<\/div>\n\t\t<div class=\"post-content\">\n\t\t\t<a href=\"https:\/\/www.psib-psoe.org\/mallorca\/cladera-mentre-que-el-govern-de-lestat-es-contundent-contra-lallotjament-turistic-illegal-a-mallorca-marcial-rodriguez-i-galmes-no-fan-res\/\" class=\"more-link\">Read More<\/a>\n\t\t<\/div>\n\t\t\t<aside class=\"post-bottom-meta hide\">\n\t\t<strong rel=\"author\" itemprop=\"author\" class=\"author vcard\"><span class=\"fn\">Albert<\/span><\/strong>\n\t\t<time class=\"date published time\" datetime=\"2025-09-15T12:17:22+02:00\" itemprop=\"datePublished\" content=\"2025-09-15T12:17:22+02:00\">15\/09\/2025<\/time>\n\t\t<meta itemprop=\"dateModified\" class=\"date updated\" content=\"2025-09-15T12:17:34+02:00\">\n\t\t<span class=\"hide\" itemprop=\"publisher\" itemscope itemtype=\"https:\/\/schema.org\/Organization\">\n\t\t\t<meta itemprop=\"name\" content=\"SocialistesdMca\">\n\t\t\t<span itemprop=\"logo\" itemscope itemtype=\"https:\/\/schema.org\/ImageObject\">\n\t\t\t\t<meta itemprop=\"url\" content=\"https:\/\/www.psib-psoe.org\/mallorca\/wp-content\/themes\/notio-wp\/assets\/img\/logo.png\">\n\t\t\t<\/span>\n\t\t\t<meta itemprop=\"url\" content=\"https:\/\/www.psib-psoe.org\/mallorca\/\">\n\t\t<\/span>\n\t\t\t\t<span class=\"hide\" itemprop=\"image\" itemscope itemtype=\"http:\/\/schema.org\/ImageObject\">\n\t\t\t<meta itemprop=\"url\" content=\"https:\/\/www.psib-psoe.org\/mallorca\/wp-content\/uploads\/020925_Catalina-Cladera-i-Andreu-Serra-scaled.jpg\">\n\t\t\t<meta itemprop=\"width\" content=\"2560\">\n\t\t\t<meta itemprop=\"height\" content=\"1920\">\n\t\t<\/span>\n\t\t\t\t<meta itemscope itemprop=\"mainEntityOfPage\" itemtype=\"https:\/\/schema.org\/WebPage\" itemid=\"https:\/\/www.psib-psoe.org\/mallorca\/cladera-mentre-que-el-govern-de-lestat-es-contundent-contra-lallotjament-turistic-illegal-a-mallorca-marcial-rodriguez-i-galmes-no-fan-res\/\">\n\t<\/aside>\n\t\t<\/article>\n<\/div>\n<div class=\"small-12 large-4 columns\">\n\t<article itemscope itemtype=\"http:\/\/schema.org\/Article\" class=\"post blog-style7 alt post-30310 type-post status-publish format-standard has-post-thumbnail hentry category-consell-de-mallorca category-federacio-de-mallorca category-federacio-de-mallorca-portada category-municipis category-portada tag-amanda-fernandez tag-andreu-serra tag-bea-gamundi tag-biel-alomar tag-catalina-cladera tag-consell-de-mallorca tag-federacio-socialista-de-mallorca tag-francina-armengol tag-iago-negueruela tag-jaume-mateu tag-joan-ferrer tag-juana-m-adrover tag-mallorca tag-psib-psoe tag-sofia-alonso\" role=\"article\">\n\t\t<figure class=\"post-gallery\"><img loading=\"lazy\" decoding=\"async\" width=\"600\" height=\"400\" src=\"https:\/\/www.psib-psoe.org\/mallorca\/wp-content\/uploads\/Grup-Diada-25-600x400.jpeg\" class=\"attachment-notio-general-x2 size-notio-general-x2 wp-post-image\" alt=\"\" srcset=\"https:\/\/www.psib-psoe.org\/mallorca\/wp-content\/uploads\/Grup-Diada-25-600x400.jpeg 600w, https:\/\/www.psib-psoe.org\/mallorca\/wp-content\/uploads\/Grup-Diada-25-300x200.jpeg 300w, https:\/\/www.psib-psoe.org\/mallorca\/wp-content\/uploads\/Grup-Diada-25-900x600.jpeg 900w, https:\/\/www.psib-psoe.org\/mallorca\/wp-content\/uploads\/Grup-Diada-25-20x13.jpeg 20w\" sizes=\"(max-width: 600px) 100vw, 600px\" \/><\/figure>\n\t\t<div class=\"blog-top\">\n\t\t\t<header class=\"post-title entry-header\">\n\t\t\t\t<aside class=\"post-meta cf\">\n\t\t13\/09\/2025 \/ <a href=\"https:\/\/www.psib-psoe.org\/mallorca\/category\/consell-de-mallorca\/\" rel=\"category tag\">Consell de Mallorca<\/a>, <a href=\"https:\/\/www.psib-psoe.org\/mallorca\/category\/federacio-de-mallorca\/\" rel=\"category tag\">Federaci\u00f3 de Mallorca<\/a>, <a href=\"https:\/\/www.psib-psoe.org\/mallorca\/category\/federacio-de-mallorca-portada\/\" rel=\"category tag\">Federaci\u00f3 de Mallorca - Portada<\/a>, <a href=\"https:\/\/www.psib-psoe.org\/mallorca\/category\/municipis\/\" rel=\"category tag\">Municipis<\/a>, <a href=\"https:\/\/www.psib-psoe.org\/mallorca\/category\/portada\/\" rel=\"category tag\">Portada<\/a><\/aside>\n\t\t\t\t<h3 itemprop=\"headline\"><a href=\"https:\/\/www.psib-psoe.org\/mallorca\/cladera-ni-tot-lesplendor-del-pi-de-costa-i-llobera-pot-camuflar-la-mala-gestio-de-galmes-al-consell-de-mallorca\/\" title=\"Cladera: \u201cni tot l\u2019esplendor del Pi de Costa i Llobera pot camuflar la mala gesti\u00f3 de Galm\u00e9s al Consell de Mallorca\u201d.\">Cladera: \u201cni tot l\u2019esplendor del Pi de Costa i Llobera pot camuflar la mala gesti\u00f3 de Galm\u00e9s al Consell de Mallorca\u201d.<\/a><\/h3>\n\t\t\t<\/header>\n\t\t<\/div>\n\t\t<div class=\"post-content\">\n\t\t\t<a href=\"https:\/\/www.psib-psoe.org\/mallorca\/cladera-ni-tot-lesplendor-del-pi-de-costa-i-llobera-pot-camuflar-la-mala-gestio-de-galmes-al-consell-de-mallorca\/\" class=\"more-link\">Read More<\/a>\n\t\t<\/div>\n\t\t\t<aside class=\"post-bottom-meta hide\">\n\t\t<strong rel=\"author\" itemprop=\"author\" class=\"author vcard\"><span class=\"fn\">Albert<\/span><\/strong>\n\t\t<time class=\"date published time\" datetime=\"2025-09-13T13:08:34+02:00\" itemprop=\"datePublished\" content=\"2025-09-13T13:08:34+02:00\">13\/09\/2025<\/time>\n\t\t<meta itemprop=\"dateModified\" class=\"date updated\" content=\"2025-09-13T13:08:45+02:00\">\n\t\t<span class=\"hide\" itemprop=\"publisher\" itemscope itemtype=\"https:\/\/schema.org\/Organization\">\n\t\t\t<meta itemprop=\"name\" content=\"SocialistesdMca\">\n\t\t\t<span itemprop=\"logo\" itemscope itemtype=\"https:\/\/schema.org\/ImageObject\">\n\t\t\t\t<meta itemprop=\"url\" content=\"https:\/\/www.psib-psoe.org\/mallorca\/wp-content\/themes\/notio-wp\/assets\/img\/logo.png\">\n\t\t\t<\/span>\n\t\t\t<meta itemprop=\"url\" content=\"https:\/\/www.psib-psoe.org\/mallorca\/\">\n\t\t<\/span>\n\t\t\t\t<span class=\"hide\" itemprop=\"image\" itemscope itemtype=\"http:\/\/schema.org\/ImageObject\">\n\t\t\t<meta itemprop=\"url\" content=\"https:\/\/www.psib-psoe.org\/mallorca\/wp-content\/uploads\/Grup-Diada-25-scaled.jpeg\">\n\t\t\t<meta itemprop=\"width\" content=\"2560\">\n\t\t\t<meta itemprop=\"height\" content=\"2003\">\n\t\t<\/span>\n\t\t\t\t<meta itemscope itemprop=\"mainEntityOfPage\" itemtype=\"https:\/\/schema.org\/WebPage\" itemid=\"https:\/\/www.psib-psoe.org\/mallorca\/cladera-ni-tot-lesplendor-del-pi-de-costa-i-llobera-pot-camuflar-la-mala-gestio-de-galmes-al-consell-de-mallorca\/\">\n\t<\/aside>\n\t\t<\/article>\n<\/div>\n<div class=\"small-12 large-4 columns\">\n\t<article itemscope itemtype=\"http:\/\/schema.org\/Article\" class=\"post blog-style7 alt post-30307 type-post status-publish format-standard has-post-thumbnail hentry category-consell-de-mallorca category-federacio-de-mallorca category-federacio-de-mallorca-portada category-municipis category-portada tag-amanda-fernandez tag-andreu-serra tag-bea-gamundi tag-biel-alomar tag-catalina-cladera tag-consell-de-mallorca tag-federacio-socialista-de-mallorca tag-jaume-mateu tag-joan-ferrer tag-juana-m-adrover tag-mallorca tag-psib-psoe tag-sofia-alonso\" role=\"article\">\n\t\t<figure class=\"post-gallery\"><img loading=\"lazy\" decoding=\"async\" width=\"600\" height=\"400\" src=\"https:\/\/www.psib-psoe.org\/mallorca\/wp-content\/uploads\/Jaume-Mateu-600x400.jpeg\" class=\"attachment-notio-general-x2 size-notio-general-x2 wp-post-image\" alt=\"\" srcset=\"https:\/\/www.psib-psoe.org\/mallorca\/wp-content\/uploads\/Jaume-Mateu-600x400.jpeg 600w, https:\/\/www.psib-psoe.org\/mallorca\/wp-content\/uploads\/Jaume-Mateu-300x200.jpeg 300w, https:\/\/www.psib-psoe.org\/mallorca\/wp-content\/uploads\/Jaume-Mateu-1024x682.jpeg 1024w, https:\/\/www.psib-psoe.org\/mallorca\/wp-content\/uploads\/Jaume-Mateu-768x512.jpeg 768w, https:\/\/www.psib-psoe.org\/mallorca\/wp-content\/uploads\/Jaume-Mateu-1536x1024.jpeg 1536w, https:\/\/www.psib-psoe.org\/mallorca\/wp-content\/uploads\/Jaume-Mateu-2048x1365.jpeg 2048w, https:\/\/www.psib-psoe.org\/mallorca\/wp-content\/uploads\/Jaume-Mateu-150x100.jpeg 150w, https:\/\/www.psib-psoe.org\/mallorca\/wp-content\/uploads\/Jaume-Mateu-900x600.jpeg 900w, https:\/\/www.psib-psoe.org\/mallorca\/wp-content\/uploads\/Jaume-Mateu-20x13.jpeg 20w\" sizes=\"(max-width: 600px) 100vw, 600px\" \/><\/figure>\n\t\t<div class=\"blog-top\">\n\t\t\t<header class=\"post-title entry-header\">\n\t\t\t\t<aside class=\"post-meta cf\">\n\t\t12\/09\/2025 \/ <a href=\"https:\/\/www.psib-psoe.org\/mallorca\/category\/consell-de-mallorca\/\" rel=\"category tag\">Consell de Mallorca<\/a>, <a href=\"https:\/\/www.psib-psoe.org\/mallorca\/category\/federacio-de-mallorca\/\" rel=\"category tag\">Federaci\u00f3 de Mallorca<\/a>, <a href=\"https:\/\/www.psib-psoe.org\/mallorca\/category\/federacio-de-mallorca-portada\/\" rel=\"category tag\">Federaci\u00f3 de Mallorca - Portada<\/a>, <a href=\"https:\/\/www.psib-psoe.org\/mallorca\/category\/municipis\/\" rel=\"category tag\">Municipis<\/a>, <a href=\"https:\/\/www.psib-psoe.org\/mallorca\/category\/portada\/\" rel=\"category tag\">Portada<\/a><\/aside>\n\t\t\t\t<h3 itemprop=\"headline\"><a href=\"https:\/\/www.psib-psoe.org\/mallorca\/el-grup-socialista-alerta-de-la-proliferacio-danuncis-immobiliaris-de-solars-per-a-inversors-a-sol-rustic-a-lempara-de-la-nova-llei-especulativa-del-govern\/\" title=\"El Grup Socialista alerta de la proliferaci\u00f3 d\u2019anuncis immobiliaris de solars \u201cper a inversors\u201d a s\u00f2l r\u00fastic a l\u2019empara de la nova Llei especulativa del Govern.\">El Grup Socialista alerta de la proliferaci\u00f3 d\u2019anuncis immobiliaris de solars \u201cper a inversors\u201d a s\u00f2l r\u00fastic a l\u2019empara de la nova Llei especulativa del Govern.<\/a><\/h3>\n\t\t\t<\/header>\n\t\t<\/div>\n\t\t<div class=\"post-content\">\n\t\t\t<a href=\"https:\/\/www.psib-psoe.org\/mallorca\/el-grup-socialista-alerta-de-la-proliferacio-danuncis-immobiliaris-de-solars-per-a-inversors-a-sol-rustic-a-lempara-de-la-nova-llei-especulativa-del-govern\/\" class=\"more-link\">Read More<\/a>\n\t\t<\/div>\n\t\t\t<aside class=\"post-bottom-meta hide\">\n\t\t<strong rel=\"author\" itemprop=\"author\" class=\"author vcard\"><span class=\"fn\">Albert<\/span><\/strong>\n\t\t<time class=\"date published time\" datetime=\"2025-09-12T10:54:27+02:00\" itemprop=\"datePublished\" content=\"2025-09-12T10:54:27+02:00\">12\/09\/2025<\/time>\n\t\t<meta itemprop=\"dateModified\" class=\"date updated\" content=\"2025-09-12T10:54:38+02:00\">\n\t\t<span class=\"hide\" itemprop=\"publisher\" itemscope itemtype=\"https:\/\/schema.org\/Organization\">\n\t\t\t<meta itemprop=\"name\" content=\"SocialistesdMca\">\n\t\t\t<span itemprop=\"logo\" itemscope itemtype=\"https:\/\/schema.org\/ImageObject\">\n\t\t\t\t<meta itemprop=\"url\" content=\"https:\/\/www.psib-psoe.org\/mallorca\/wp-content\/themes\/notio-wp\/assets\/img\/logo.png\">\n\t\t\t<\/span>\n\t\t\t<meta itemprop=\"url\" content=\"https:\/\/www.psib-psoe.org\/mallorca\/\">\n\t\t<\/span>\n\t\t\t\t<span class=\"hide\" itemprop=\"image\" itemscope itemtype=\"http:\/\/schema.org\/ImageObject\">\n\t\t\t<meta itemprop=\"url\" content=\"https:\/\/www.psib-psoe.org\/mallorca\/wp-content\/uploads\/Jaume-Mateu.jpeg\">\n\t\t\t<meta itemprop=\"width\" content=\"2560\">\n\t\t\t<meta itemprop=\"height\" content=\"1706\">\n\t\t<\/span>\n\t\t\t\t<meta itemscope itemprop=\"mainEntityOfPage\" itemtype=\"https:\/\/schema.org\/WebPage\" itemid=\"https:\/\/www.psib-psoe.org\/mallorca\/el-grup-socialista-alerta-de-la-proliferacio-danuncis-immobiliaris-de-solars-per-a-inversors-a-sol-rustic-a-lempara-de-la-nova-llei-especulativa-del-govern\/\">\n\t<\/aside>\n\t\t<\/article>\n<\/div>\n<div class=\"small-12 large-4 columns\">\n\t<article itemscope itemtype=\"http:\/\/schema.org\/Article\" class=\"post blog-style7 alt post-30303 type-post status-publish format-standard has-post-thumbnail hentry category-consell-de-mallorca category-federacio-de-mallorca category-federacio-de-mallorca-portada category-municipis category-portada tag-amanda-fernandez tag-andreu-serra tag-bea-gamundi tag-biel-alomar tag-catalina-cladera tag-consell-de-mallorca tag-federacio-socialista-de-mallorca tag-jaume-mateu tag-joan-ferrer tag-juana-m-adrover tag-mallorca tag-psib-psoe tag-sofia-alonso\" role=\"article\">\n\t\t<figure class=\"post-gallery\"><img loading=\"lazy\" decoding=\"async\" width=\"600\" height=\"400\" src=\"https:\/\/www.psib-psoe.org\/mallorca\/wp-content\/uploads\/Ple-110925-600x400.jpeg\" class=\"attachment-notio-general-x2 size-notio-general-x2 wp-post-image\" alt=\"\" srcset=\"https:\/\/www.psib-psoe.org\/mallorca\/wp-content\/uploads\/Ple-110925-600x400.jpeg 600w, https:\/\/www.psib-psoe.org\/mallorca\/wp-content\/uploads\/Ple-110925-300x200.jpeg 300w, https:\/\/www.psib-psoe.org\/mallorca\/wp-content\/uploads\/Ple-110925-900x600.jpeg 900w, https:\/\/www.psib-psoe.org\/mallorca\/wp-content\/uploads\/Ple-110925-20x13.jpeg 20w\" sizes=\"(max-width: 600px) 100vw, 600px\" \/><\/figure>\n\t\t<div class=\"blog-top\">\n\t\t\t<header class=\"post-title entry-header\">\n\t\t\t\t<aside class=\"post-meta cf\">\n\t\t11\/09\/2025 \/ <a href=\"https:\/\/www.psib-psoe.org\/mallorca\/category\/consell-de-mallorca\/\" rel=\"category tag\">Consell de Mallorca<\/a>, <a href=\"https:\/\/www.psib-psoe.org\/mallorca\/category\/federacio-de-mallorca\/\" rel=\"category tag\">Federaci\u00f3 de Mallorca<\/a>, <a href=\"https:\/\/www.psib-psoe.org\/mallorca\/category\/federacio-de-mallorca-portada\/\" rel=\"category tag\">Federaci\u00f3 de Mallorca - Portada<\/a>, <a href=\"https:\/\/www.psib-psoe.org\/mallorca\/category\/municipis\/\" rel=\"category tag\">Municipis<\/a>, <a href=\"https:\/\/www.psib-psoe.org\/mallorca\/category\/portada\/\" rel=\"category tag\">Portada<\/a><\/aside>\n\t\t\t\t<h3 itemprop=\"headline\"><a href=\"https:\/\/www.psib-psoe.org\/mallorca\/lequip-de-govern-ppvox-del-consell-no-permet-fer-una-auditoria-a-linstitut-de-lesport-hipic-de-mallorca-per-aclarir-la-gestio-opaca-i-improvisada-de-bestard\/\" title=\"L\u2019equip de Govern PPVox del Consell no permet fer una auditoria a l\u2019Institut de l\u2019Esport H\u00edpic de Mallorca per aclarir la gesti\u00f3 opaca i improvisada de Bestard.\">L\u2019equip de Govern PPVox del Consell no permet fer una auditoria a l\u2019Institut de l\u2019Esport H\u00edpic de Mallorca per aclarir la gesti\u00f3 opaca i improvisada de Bestard.<\/a><\/h3>\n\t\t\t<\/header>\n\t\t<\/div>\n\t\t<div class=\"post-content\">\n\t\t\t<a href=\"https:\/\/www.psib-psoe.org\/mallorca\/lequip-de-govern-ppvox-del-consell-no-permet-fer-una-auditoria-a-linstitut-de-lesport-hipic-de-mallorca-per-aclarir-la-gestio-opaca-i-improvisada-de-bestard\/\" class=\"more-link\">Read More<\/a>\n\t\t<\/div>\n\t\t\t<aside class=\"post-bottom-meta hide\">\n\t\t<strong rel=\"author\" itemprop=\"author\" class=\"author vcard\"><span class=\"fn\">Albert<\/span><\/strong>\n\t\t<time class=\"date published time\" datetime=\"2025-09-11T16:57:07+02:00\" itemprop=\"datePublished\" content=\"2025-09-11T16:57:07+02:00\">11\/09\/2025<\/time>\n\t\t<meta itemprop=\"dateModified\" class=\"date updated\" content=\"2025-09-11T16:57:18+02:00\">\n\t\t<span class=\"hide\" itemprop=\"publisher\" itemscope itemtype=\"https:\/\/schema.org\/Organization\">\n\t\t\t<meta itemprop=\"name\" content=\"SocialistesdMca\">\n\t\t\t<span itemprop=\"logo\" itemscope itemtype=\"https:\/\/schema.org\/ImageObject\">\n\t\t\t\t<meta itemprop=\"url\" content=\"https:\/\/www.psib-psoe.org\/mallorca\/wp-content\/themes\/notio-wp\/assets\/img\/logo.png\">\n\t\t\t<\/span>\n\t\t\t<meta itemprop=\"url\" content=\"https:\/\/www.psib-psoe.org\/mallorca\/\">\n\t\t<\/span>\n\t\t\t\t<span class=\"hide\" itemprop=\"image\" itemscope itemtype=\"http:\/\/schema.org\/ImageObject\">\n\t\t\t<meta itemprop=\"url\" content=\"https:\/\/www.psib-psoe.org\/mallorca\/wp-content\/uploads\/Ple-110925.jpeg\">\n\t\t\t<meta itemprop=\"width\" content=\"1486\">\n\t\t\t<meta itemprop=\"height\" content=\"678\">\n\t\t<\/span>\n\t\t\t\t<meta itemscope itemprop=\"mainEntityOfPage\" itemtype=\"https:\/\/schema.org\/WebPage\" itemid=\"https:\/\/www.psib-psoe.org\/mallorca\/lequip-de-govern-ppvox-del-consell-no-permet-fer-una-auditoria-a-linstitut-de-lesport-hipic-de-mallorca-per-aclarir-la-gestio-opaca-i-improvisada-de-bestard\/\">\n\t<\/aside>\n\t\t<\/article>\n<\/div>\n<div class=\"small-12 large-4 columns\">\n\t<article itemscope itemtype=\"http:\/\/schema.org\/Article\" class=\"post blog-style7 alt post-30299 type-post status-publish format-standard has-post-thumbnail hentry category-consell-de-mallorca category-federacio-de-mallorca category-federacio-de-mallorca-portada category-municipis category-portada tag-amanda-fernandez tag-catalina-cladera tag-consell-de-mallorca tag-federacio-socialista-de-mallorca tag-mallorca tag-psib-psoe tag-sofia-alonso\" role=\"article\">\n\t\t<figure class=\"post-gallery\"><img loading=\"lazy\" decoding=\"async\" width=\"600\" height=\"400\" src=\"https:\/\/www.psib-psoe.org\/mallorca\/wp-content\/uploads\/Sofia-rdp-600x400.jpeg\" class=\"attachment-notio-general-x2 size-notio-general-x2 wp-post-image\" alt=\"\" srcset=\"https:\/\/www.psib-psoe.org\/mallorca\/wp-content\/uploads\/Sofia-rdp-600x400.jpeg 600w, https:\/\/www.psib-psoe.org\/mallorca\/wp-content\/uploads\/Sofia-rdp-300x200.jpeg 300w, https:\/\/www.psib-psoe.org\/mallorca\/wp-content\/uploads\/Sofia-rdp-900x600.jpeg 900w, https:\/\/www.psib-psoe.org\/mallorca\/wp-content\/uploads\/Sofia-rdp-20x13.jpeg 20w\" sizes=\"(max-width: 600px) 100vw, 600px\" \/><\/figure>\n\t\t<div class=\"blog-top\">\n\t\t\t<header class=\"post-title entry-header\">\n\t\t\t\t<aside class=\"post-meta cf\">\n\t\t10\/09\/2025 \/ <a href=\"https:\/\/www.psib-psoe.org\/mallorca\/category\/consell-de-mallorca\/\" rel=\"category tag\">Consell de Mallorca<\/a>, <a href=\"https:\/\/www.psib-psoe.org\/mallorca\/category\/federacio-de-mallorca\/\" rel=\"category tag\">Federaci\u00f3 de Mallorca<\/a>, <a href=\"https:\/\/www.psib-psoe.org\/mallorca\/category\/federacio-de-mallorca-portada\/\" rel=\"category tag\">Federaci\u00f3 de Mallorca - Portada<\/a>, <a href=\"https:\/\/www.psib-psoe.org\/mallorca\/category\/municipis\/\" rel=\"category tag\">Municipis<\/a>, <a href=\"https:\/\/www.psib-psoe.org\/mallorca\/category\/portada\/\" rel=\"category tag\">Portada<\/a><\/aside>\n\t\t\t\t<h3 itemprop=\"headline\"><a href=\"https:\/\/www.psib-psoe.org\/mallorca\/el-grup-socialista-presenta-alternatives-al-ple-del-consell-per-atendre-els-menors-migrants-sense-acompanyament-davant-les-politiques-racistes-i-inhumanes-de-galmes-i-ppvox\/\" title=\"El Grup Socialista presenta alternatives al ple del Consell per atendre els menors migrants sense acompanyament, davant les pol\u00edtiques \u201cracistes i inhumanes\u201d de Galm\u00e9s i PPVox.\">El Grup Socialista presenta alternatives al ple del Consell per atendre els menors migrants sense acompanyament, davant les pol\u00edtiques \u201cracistes i inhumanes\u201d de Galm\u00e9s i PPVox.<\/a><\/h3>\n\t\t\t<\/header>\n\t\t<\/div>\n\t\t<div class=\"post-content\">\n\t\t\t<a href=\"https:\/\/www.psib-psoe.org\/mallorca\/el-grup-socialista-presenta-alternatives-al-ple-del-consell-per-atendre-els-menors-migrants-sense-acompanyament-davant-les-politiques-racistes-i-inhumanes-de-galmes-i-ppvox\/\" class=\"more-link\">Read More<\/a>\n\t\t<\/div>\n\t\t\t<aside class=\"post-bottom-meta hide\">\n\t\t<strong rel=\"author\" itemprop=\"author\" class=\"author vcard\"><span class=\"fn\">Albert<\/span><\/strong>\n\t\t<time class=\"date published time\" datetime=\"2025-09-10T12:39:25+02:00\" itemprop=\"datePublished\" content=\"2025-09-10T12:39:25+02:00\">10\/09\/2025<\/time>\n\t\t<meta itemprop=\"dateModified\" class=\"date updated\" content=\"2025-09-10T12:39:38+02:00\">\n\t\t<span class=\"hide\" itemprop=\"publisher\" itemscope itemtype=\"https:\/\/schema.org\/Organization\">\n\t\t\t<meta itemprop=\"name\" content=\"SocialistesdMca\">\n\t\t\t<span itemprop=\"logo\" itemscope itemtype=\"https:\/\/schema.org\/ImageObject\">\n\t\t\t\t<meta itemprop=\"url\" content=\"https:\/\/www.psib-psoe.org\/mallorca\/wp-content\/themes\/notio-wp\/assets\/img\/logo.png\">\n\t\t\t<\/span>\n\t\t\t<meta itemprop=\"url\" content=\"https:\/\/www.psib-psoe.org\/mallorca\/\">\n\t\t<\/span>\n\t\t\t\t<span class=\"hide\" itemprop=\"image\" itemscope itemtype=\"http:\/\/schema.org\/ImageObject\">\n\t\t\t<meta itemprop=\"url\" content=\"https:\/\/www.psib-psoe.org\/mallorca\/wp-content\/uploads\/Sofia-rdp.jpeg\">\n\t\t\t<meta itemprop=\"width\" content=\"2560\">\n\t\t\t<meta itemprop=\"height\" content=\"1920\">\n\t\t<\/span>\n\t\t\t\t<meta itemscope itemprop=\"mainEntityOfPage\" itemtype=\"https:\/\/schema.org\/WebPage\" itemid=\"https:\/\/www.psib-psoe.org\/mallorca\/el-grup-socialista-presenta-alternatives-al-ple-del-consell-per-atendre-els-menors-migrants-sense-acompanyament-davant-les-politiques-racistes-i-inhumanes-de-galmes-i-ppvox\/\">\n\t<\/aside>\n\t\t<\/article>\n<\/div>\n<div class=\"small-12 large-4 columns\">\n\t<article itemscope itemtype=\"http:\/\/schema.org\/Article\" class=\"post blog-style7 alt post-30296 type-post status-publish format-standard has-post-thumbnail hentry category-consell-de-mallorca category-federacio-de-mallorca category-federacio-de-mallorca-portada category-municipis category-portada tag-amanda-fernandez tag-ares-fernandez tag-consell-de-mallorca tag-federacio-socialista-de-mallorca tag-joan-mendez-2 tag-joventuts-socialistes-de-les-illes-balears tag-joventuts-socialistes-de-mallorca tag-mallorca tag-psib-psoe\" role=\"article\">\n\t\t<figure class=\"post-gallery\"><img loading=\"lazy\" decoding=\"async\" width=\"600\" height=\"400\" src=\"https:\/\/www.psib-psoe.org\/mallorca\/wp-content\/uploads\/Joventuts-Mallorca-600x400.jpeg\" class=\"attachment-notio-general-x2 size-notio-general-x2 wp-post-image\" alt=\"\" srcset=\"https:\/\/www.psib-psoe.org\/mallorca\/wp-content\/uploads\/Joventuts-Mallorca-600x400.jpeg 600w, https:\/\/www.psib-psoe.org\/mallorca\/wp-content\/uploads\/Joventuts-Mallorca-300x200.jpeg 300w, https:\/\/www.psib-psoe.org\/mallorca\/wp-content\/uploads\/Joventuts-Mallorca-900x600.jpeg 900w, https:\/\/www.psib-psoe.org\/mallorca\/wp-content\/uploads\/Joventuts-Mallorca-20x13.jpeg 20w\" sizes=\"(max-width: 600px) 100vw, 600px\" \/><\/figure>\n\t\t<div class=\"blog-top\">\n\t\t\t<header class=\"post-title entry-header\">\n\t\t\t\t<aside class=\"post-meta cf\">\n\t\t09\/09\/2025 \/ <a href=\"https:\/\/www.psib-psoe.org\/mallorca\/category\/consell-de-mallorca\/\" rel=\"category tag\">Consell de Mallorca<\/a>, <a href=\"https:\/\/www.psib-psoe.org\/mallorca\/category\/federacio-de-mallorca\/\" rel=\"category tag\">Federaci\u00f3 de Mallorca<\/a>, <a href=\"https:\/\/www.psib-psoe.org\/mallorca\/category\/federacio-de-mallorca-portada\/\" rel=\"category tag\">Federaci\u00f3 de Mallorca - Portada<\/a>, <a href=\"https:\/\/www.psib-psoe.org\/mallorca\/category\/municipis\/\" rel=\"category tag\">Municipis<\/a>, <a href=\"https:\/\/www.psib-psoe.org\/mallorca\/category\/portada\/\" rel=\"category tag\">Portada<\/a><\/aside>\n\t\t\t\t<h3 itemprop=\"headline\"><a href=\"https:\/\/www.psib-psoe.org\/mallorca\/joventuts-socialistes-de-mallorca-lamenten-que-el-consell-pagui-viatges-a-35-joves-mentre-deixa-de-fer-politiques-reals-de-joventut-dirigides-a-altres-150-000\/\" title=\"Joventuts Socialistes de Mallorca lamenten que el Consell pagui viatges a 35 joves, mentre deixa de fer pol\u00edtiques reals de joventut dirigides a altres 150.000.\">Joventuts Socialistes de Mallorca lamenten que el Consell pagui viatges a 35 joves, mentre deixa de fer pol\u00edtiques reals de joventut dirigides a altres 150.000.<\/a><\/h3>\n\t\t\t<\/header>\n\t\t<\/div>\n\t\t<div class=\"post-content\">\n\t\t\t<a href=\"https:\/\/www.psib-psoe.org\/mallorca\/joventuts-socialistes-de-mallorca-lamenten-que-el-consell-pagui-viatges-a-35-joves-mentre-deixa-de-fer-politiques-reals-de-joventut-dirigides-a-altres-150-000\/\" class=\"more-link\">Read More<\/a>\n\t\t<\/div>\n\t\t\t<aside class=\"post-bottom-meta hide\">\n\t\t<strong rel=\"author\" itemprop=\"author\" class=\"author vcard\"><span class=\"fn\">Albert<\/span><\/strong>\n\t\t<time class=\"date published time\" datetime=\"2025-09-09T16:55:05+02:00\" itemprop=\"datePublished\" content=\"2025-09-09T16:55:05+02:00\">09\/09\/2025<\/time>\n\t\t<meta itemprop=\"dateModified\" class=\"date updated\" content=\"2025-09-09T16:55:18+02:00\">\n\t\t<span class=\"hide\" itemprop=\"publisher\" itemscope itemtype=\"https:\/\/schema.org\/Organization\">\n\t\t\t<meta itemprop=\"name\" content=\"SocialistesdMca\">\n\t\t\t<span itemprop=\"logo\" itemscope itemtype=\"https:\/\/schema.org\/ImageObject\">\n\t\t\t\t<meta itemprop=\"url\" content=\"https:\/\/www.psib-psoe.org\/mallorca\/wp-content\/themes\/notio-wp\/assets\/img\/logo.png\">\n\t\t\t<\/span>\n\t\t\t<meta itemprop=\"url\" content=\"https:\/\/www.psib-psoe.org\/mallorca\/\">\n\t\t<\/span>\n\t\t\t\t<span class=\"hide\" itemprop=\"image\" itemscope itemtype=\"http:\/\/schema.org\/ImageObject\">\n\t\t\t<meta itemprop=\"url\" content=\"https:\/\/www.psib-psoe.org\/mallorca\/wp-content\/uploads\/Joventuts-Mallorca.jpeg\">\n\t\t\t<meta itemprop=\"width\" content=\"1600\">\n\t\t\t<meta itemprop=\"height\" content=\"1200\">\n\t\t<\/span>\n\t\t\t\t<meta itemscope itemprop=\"mainEntityOfPage\" itemtype=\"https:\/\/schema.org\/WebPage\" itemid=\"https:\/\/www.psib-psoe.org\/mallorca\/joventuts-socialistes-de-mallorca-lamenten-que-el-consell-pagui-viatges-a-35-joves-mentre-deixa-de-fer-politiques-reals-de-joventut-dirigides-a-altres-150-000\/\">\n\t<\/aside>\n\t\t<\/article>\n<\/div>\n<div class=\"small-12 large-4 columns\">\n\t<article itemscope itemtype=\"http:\/\/schema.org\/Article\" class=\"post blog-style7 alt post-30293 type-post status-publish format-standard has-post-thumbnail hentry category-consell-de-mallorca category-federacio-de-mallorca category-federacio-de-mallorca-portada category-municipis category-portada tag-aina-munar tag-alaro tag-andreu-vidal tag-federacio-socialista-de-mallorca tag-mallorca tag-psib-psoe\" role=\"article\">\n\t\t<figure class=\"post-gallery\"><img loading=\"lazy\" decoding=\"async\" width=\"600\" height=\"400\" src=\"https:\/\/www.psib-psoe.org\/mallorca\/wp-content\/uploads\/ALARO-ANDREU-VIDAL-2-600x400.jpg\" class=\"attachment-notio-general-x2 size-notio-general-x2 wp-post-image\" alt=\"\" srcset=\"https:\/\/www.psib-psoe.org\/mallorca\/wp-content\/uploads\/ALARO-ANDREU-VIDAL-2-600x400.jpg 600w, https:\/\/www.psib-psoe.org\/mallorca\/wp-content\/uploads\/ALARO-ANDREU-VIDAL-2-300x200.jpg 300w, https:\/\/www.psib-psoe.org\/mallorca\/wp-content\/uploads\/ALARO-ANDREU-VIDAL-2-1024x683.jpg 1024w, https:\/\/www.psib-psoe.org\/mallorca\/wp-content\/uploads\/ALARO-ANDREU-VIDAL-2-768x512.jpg 768w, https:\/\/www.psib-psoe.org\/mallorca\/wp-content\/uploads\/ALARO-ANDREU-VIDAL-2-1536x1024.jpg 1536w, https:\/\/www.psib-psoe.org\/mallorca\/wp-content\/uploads\/ALARO-ANDREU-VIDAL-2-2048x1365.jpg 2048w, https:\/\/www.psib-psoe.org\/mallorca\/wp-content\/uploads\/ALARO-ANDREU-VIDAL-2-150x100.jpg 150w, https:\/\/www.psib-psoe.org\/mallorca\/wp-content\/uploads\/ALARO-ANDREU-VIDAL-2-900x600.jpg 900w, https:\/\/www.psib-psoe.org\/mallorca\/wp-content\/uploads\/ALARO-ANDREU-VIDAL-2-20x13.jpg 20w\" sizes=\"(max-width: 600px) 100vw, 600px\" \/><\/figure>\n\t\t<div class=\"blog-top\">\n\t\t\t<header class=\"post-title entry-header\">\n\t\t\t\t<aside class=\"post-meta cf\">\n\t\t09\/09\/2025 \/ <a href=\"https:\/\/www.psib-psoe.org\/mallorca\/category\/consell-de-mallorca\/\" rel=\"category tag\">Consell de Mallorca<\/a>, <a href=\"https:\/\/www.psib-psoe.org\/mallorca\/category\/federacio-de-mallorca\/\" rel=\"category tag\">Federaci\u00f3 de Mallorca<\/a>, <a href=\"https:\/\/www.psib-psoe.org\/mallorca\/category\/federacio-de-mallorca-portada\/\" rel=\"category tag\">Federaci\u00f3 de Mallorca - Portada<\/a>, <a href=\"https:\/\/www.psib-psoe.org\/mallorca\/category\/municipis\/\" rel=\"category tag\">Municipis<\/a>, <a href=\"https:\/\/www.psib-psoe.org\/mallorca\/category\/portada\/\" rel=\"category tag\">Portada<\/a><\/aside>\n\t\t\t\t<h3 itemprop=\"headline\"><a href=\"https:\/\/www.psib-psoe.org\/mallorca\/els-socialistes-dalaro-celebren-que-per-fi-siniciin-les-obres-de-leix-civic-pero-lamenten-com-lajuntament-les-dura-a-terme\/\" title=\"Els socialistes d\u2019Alar\u00f3 celebren que, per fi, s\u2019inici\u00efn les obres de l\u2019eix c\u00edvic per\u00f2, lamenten com l\u2019Ajuntament les dur\u00e0 a terme\">Els socialistes d\u2019Alar\u00f3 celebren que, per fi, s\u2019inici\u00efn les obres de l\u2019eix c\u00edvic per\u00f2, lamenten com l\u2019Ajuntament les dur\u00e0 a terme<\/a><\/h3>\n\t\t\t<\/header>\n\t\t<\/div>\n\t\t<div class=\"post-content\">\n\t\t\t<a href=\"https:\/\/www.psib-psoe.org\/mallorca\/els-socialistes-dalaro-celebren-que-per-fi-siniciin-les-obres-de-leix-civic-pero-lamenten-com-lajuntament-les-dura-a-terme\/\" class=\"more-link\">Read More<\/a>\n\t\t<\/div>\n\t\t\t<aside class=\"post-bottom-meta hide\">\n\t\t<strong rel=\"author\" itemprop=\"author\" class=\"author vcard\"><span class=\"fn\">Marc<\/span><\/strong>\n\t\t<time class=\"date published time\" datetime=\"2025-09-09T13:33:24+02:00\" itemprop=\"datePublished\" content=\"2025-09-09T13:33:24+02:00\">09\/09\/2025<\/time>\n\t\t<meta itemprop=\"dateModified\" class=\"date updated\" content=\"2025-09-09T13:33:36+02:00\">\n\t\t<span class=\"hide\" itemprop=\"publisher\" itemscope itemtype=\"https:\/\/schema.org\/Organization\">\n\t\t\t<meta itemprop=\"name\" content=\"SocialistesdMca\">\n\t\t\t<span itemprop=\"logo\" itemscope itemtype=\"https:\/\/schema.org\/ImageObject\">\n\t\t\t\t<meta itemprop=\"url\" content=\"https:\/\/www.psib-psoe.org\/mallorca\/wp-content\/themes\/notio-wp\/assets\/img\/logo.png\">\n\t\t\t<\/span>\n\t\t\t<meta itemprop=\"url\" content=\"https:\/\/www.psib-psoe.org\/mallorca\/\">\n\t\t<\/span>\n\t\t\t\t<span class=\"hide\" itemprop=\"image\" itemscope itemtype=\"http:\/\/schema.org\/ImageObject\">\n\t\t\t<meta itemprop=\"url\" content=\"https:\/\/www.psib-psoe.org\/mallorca\/wp-content\/uploads\/ALARO-ANDREU-VIDAL-2-scaled.jpg\">\n\t\t\t<meta itemprop=\"width\" content=\"2560\">\n\t\t\t<meta itemprop=\"height\" content=\"1707\">\n\t\t<\/span>\n\t\t\t\t<meta itemscope itemprop=\"mainEntityOfPage\" itemtype=\"https:\/\/schema.org\/WebPage\" itemid=\"https:\/\/www.psib-psoe.org\/mallorca\/els-socialistes-dalaro-celebren-que-per-fi-siniciin-les-obres-de-leix-civic-pero-lamenten-com-lajuntament-les-dura-a-terme\/\">\n\t<\/aside>\n\t\t<\/article>\n<\/div>\n<div class=\"small-12 large-4 columns\">\n\t<article itemscope itemtype=\"http:\/\/schema.org\/Article\" class=\"post blog-style7 alt post-30289 type-post status-publish format-standard has-post-thumbnail hentry category-consell-de-mallorca category-federacio-de-mallorca category-federacio-de-mallorca-portada category-municipis category-portada tag-amanda-fernandez tag-catalina-cladera tag-consell-de-mallorca tag-federacio-socialista-de-mallorca tag-mallorca tag-psib-psoe tag-sofia-alonso\" role=\"article\">\n\t\t<figure class=\"post-gallery\"><img loading=\"lazy\" decoding=\"async\" width=\"600\" height=\"400\" src=\"https:\/\/www.psib-psoe.org\/mallorca\/wp-content\/uploads\/Sofia-Alonso-1-600x400.jpeg\" class=\"attachment-notio-general-x2 size-notio-general-x2 wp-post-image\" alt=\"\" srcset=\"https:\/\/www.psib-psoe.org\/mallorca\/wp-content\/uploads\/Sofia-Alonso-1-600x400.jpeg 600w, https:\/\/www.psib-psoe.org\/mallorca\/wp-content\/uploads\/Sofia-Alonso-1-300x200.jpeg 300w, https:\/\/www.psib-psoe.org\/mallorca\/wp-content\/uploads\/Sofia-Alonso-1-900x600.jpeg 900w, https:\/\/www.psib-psoe.org\/mallorca\/wp-content\/uploads\/Sofia-Alonso-1-20x13.jpeg 20w\" sizes=\"(max-width: 600px) 100vw, 600px\" \/><\/figure>\n\t\t<div class=\"blog-top\">\n\t\t\t<header class=\"post-title entry-header\">\n\t\t\t\t<aside class=\"post-meta cf\">\n\t\t08\/09\/2025 \/ <a href=\"https:\/\/www.psib-psoe.org\/mallorca\/category\/consell-de-mallorca\/\" rel=\"category tag\">Consell de Mallorca<\/a>, <a href=\"https:\/\/www.psib-psoe.org\/mallorca\/category\/federacio-de-mallorca\/\" rel=\"category tag\">Federaci\u00f3 de Mallorca<\/a>, <a href=\"https:\/\/www.psib-psoe.org\/mallorca\/category\/federacio-de-mallorca-portada\/\" rel=\"category tag\">Federaci\u00f3 de Mallorca - Portada<\/a>, <a href=\"https:\/\/www.psib-psoe.org\/mallorca\/category\/municipis\/\" rel=\"category tag\">Municipis<\/a>, <a href=\"https:\/\/www.psib-psoe.org\/mallorca\/category\/portada\/\" rel=\"category tag\">Portada<\/a><\/aside>\n\t\t\t\t<h3 itemprop=\"headline\"><a href=\"https:\/\/www.psib-psoe.org\/mallorca\/el-grup-socialista-reclama-que-el-consell-segueixi-fent-passes-i-assumeixi-plenament-la-gestio-i-el-financament-de-les-residencies-municipals-de-gent-gran\/\" title=\"El Grup Socialista reclama que el Consell segueixi fent passes i \u00a0assumeixi plenament la gesti\u00f3 i el finan\u00e7ament de les resid\u00e8ncies municipals de gent gran.\">El Grup Socialista reclama que el Consell segueixi fent passes i \u00a0assumeixi plenament la gesti\u00f3 i el finan\u00e7ament de les resid\u00e8ncies municipals de gent gran.<\/a><\/h3>\n\t\t\t<\/header>\n\t\t<\/div>\n\t\t<div class=\"post-content\">\n\t\t\t<a href=\"https:\/\/www.psib-psoe.org\/mallorca\/el-grup-socialista-reclama-que-el-consell-segueixi-fent-passes-i-assumeixi-plenament-la-gestio-i-el-financament-de-les-residencies-municipals-de-gent-gran\/\" class=\"more-link\">Read More<\/a>\n\t\t<\/div>\n\t\t\t<aside class=\"post-bottom-meta hide\">\n\t\t<strong rel=\"author\" itemprop=\"author\" class=\"author vcard\"><span class=\"fn\">Albert<\/span><\/strong>\n\t\t<time class=\"date published time\" datetime=\"2025-09-08T16:24:51+02:00\" itemprop=\"datePublished\" content=\"2025-09-08T16:24:51+02:00\">08\/09\/2025<\/time>\n\t\t<meta itemprop=\"dateModified\" class=\"date updated\" content=\"2025-09-08T16:25:03+02:00\">\n\t\t<span class=\"hide\" itemprop=\"publisher\" itemscope itemtype=\"https:\/\/schema.org\/Organization\">\n\t\t\t<meta itemprop=\"name\" content=\"SocialistesdMca\">\n\t\t\t<span itemprop=\"logo\" itemscope itemtype=\"https:\/\/schema.org\/ImageObject\">\n\t\t\t\t<meta itemprop=\"url\" content=\"https:\/\/www.psib-psoe.org\/mallorca\/wp-content\/themes\/notio-wp\/assets\/img\/logo.png\">\n\t\t\t<\/span>\n\t\t\t<meta itemprop=\"url\" content=\"https:\/\/www.psib-psoe.org\/mallorca\/\">\n\t\t<\/span>\n\t\t\t\t<span class=\"hide\" itemprop=\"image\" itemscope itemtype=\"http:\/\/schema.org\/ImageObject\">\n\t\t\t<meta itemprop=\"url\" content=\"https:\/\/www.psib-psoe.org\/mallorca\/wp-content\/uploads\/Sofia-Alonso-1.jpeg\">\n\t\t\t<meta itemprop=\"width\" content=\"1600\">\n\t\t\t<meta itemprop=\"height\" content=\"1367\">\n\t\t<\/span>\n\t\t\t\t<meta itemscope itemprop=\"mainEntityOfPage\" itemtype=\"https:\/\/schema.org\/WebPage\" itemid=\"https:\/\/www.psib-psoe.org\/mallorca\/el-grup-socialista-reclama-que-el-consell-segueixi-fent-passes-i-assumeixi-plenament-la-gestio-i-el-financament-de-les-residencies-municipals-de-gent-gran\/\">\n\t<\/aside>\n\t\t<\/article>\n<\/div>\n<div class=\"small-12 large-4 columns\">\n\t<article itemscope itemtype=\"http:\/\/schema.org\/Article\" class=\"post blog-style7 alt post-30284 type-post status-publish format-standard has-post-thumbnail hentry category-consell-de-mallorca category-federacio-de-mallorca category-federacio-de-mallorca-portada category-municipis category-portada tag-consell-de-mallorca tag-federacio-socialista-de-mallorca tag-gabriel-alomar tag-mallorca tag-psib-psoe\" role=\"article\">\n\t\t<figure class=\"post-gallery\"><img loading=\"lazy\" decoding=\"async\" width=\"600\" height=\"400\" src=\"https:\/\/www.psib-psoe.org\/mallorca\/wp-content\/uploads\/050925_Gabriel-Alomar-600x400.png\" class=\"attachment-notio-general-x2 size-notio-general-x2 wp-post-image\" alt=\"\" srcset=\"https:\/\/www.psib-psoe.org\/mallorca\/wp-content\/uploads\/050925_Gabriel-Alomar-600x400.png 600w, https:\/\/www.psib-psoe.org\/mallorca\/wp-content\/uploads\/050925_Gabriel-Alomar-300x200.png 300w, https:\/\/www.psib-psoe.org\/mallorca\/wp-content\/uploads\/050925_Gabriel-Alomar-900x600.png 900w, https:\/\/www.psib-psoe.org\/mallorca\/wp-content\/uploads\/050925_Gabriel-Alomar-20x13.png 20w\" sizes=\"(max-width: 600px) 100vw, 600px\" \/><\/figure>\n\t\t<div class=\"blog-top\">\n\t\t\t<header class=\"post-title entry-header\">\n\t\t\t\t<aside class=\"post-meta cf\">\n\t\t05\/09\/2025 \/ <a href=\"https:\/\/www.psib-psoe.org\/mallorca\/category\/consell-de-mallorca\/\" rel=\"category tag\">Consell de Mallorca<\/a>, <a href=\"https:\/\/www.psib-psoe.org\/mallorca\/category\/federacio-de-mallorca\/\" rel=\"category tag\">Federaci\u00f3 de Mallorca<\/a>, <a href=\"https:\/\/www.psib-psoe.org\/mallorca\/category\/federacio-de-mallorca-portada\/\" rel=\"category tag\">Federaci\u00f3 de Mallorca - Portada<\/a>, <a href=\"https:\/\/www.psib-psoe.org\/mallorca\/category\/municipis\/\" rel=\"category tag\">Municipis<\/a>, <a href=\"https:\/\/www.psib-psoe.org\/mallorca\/category\/portada\/\" rel=\"category tag\">Portada<\/a><\/aside>\n\t\t\t\t<h3 itemprop=\"headline\"><a href=\"https:\/\/www.psib-psoe.org\/mallorca\/el-grup-socialista-alerta-que-alerta-que-les-politiques-del-govern-insular-afavoreixen-el-collapse-viari-el-creixement-descontrolat-i-un-futur-insostenible-per-a-mallorca\/\" title=\"El Grup Socialista alerta que alerta que les pol\u00edtiques del govern insular afavoreixen el col\u00b7lapse viari, el creixement descontrolat i un futur insostenible per a Mallorca\u00a0\">El Grup Socialista alerta que alerta que les pol\u00edtiques del govern insular afavoreixen el col\u00b7lapse viari, el creixement descontrolat i un futur insostenible per a Mallorca\u00a0<\/a><\/h3>\n\t\t\t<\/header>\n\t\t<\/div>\n\t\t<div class=\"post-content\">\n\t\t\t<a href=\"https:\/\/www.psib-psoe.org\/mallorca\/el-grup-socialista-alerta-que-alerta-que-les-politiques-del-govern-insular-afavoreixen-el-collapse-viari-el-creixement-descontrolat-i-un-futur-insostenible-per-a-mallorca\/\" class=\"more-link\">Read More<\/a>\n\t\t<\/div>\n\t\t\t<aside class=\"post-bottom-meta hide\">\n\t\t<strong rel=\"author\" itemprop=\"author\" class=\"author vcard\"><span class=\"fn\">Marc<\/span><\/strong>\n\t\t<time class=\"date published time\" datetime=\"2025-09-05T13:24:44+02:00\" itemprop=\"datePublished\" content=\"2025-09-05T13:24:44+02:00\">05\/09\/2025<\/time>\n\t\t<meta itemprop=\"dateModified\" class=\"date updated\" content=\"2025-09-05T13:24:56+02:00\">\n\t\t<span class=\"hide\" itemprop=\"publisher\" itemscope itemtype=\"https:\/\/schema.org\/Organization\">\n\t\t\t<meta itemprop=\"name\" content=\"SocialistesdMca\">\n\t\t\t<span itemprop=\"logo\" itemscope itemtype=\"https:\/\/schema.org\/ImageObject\">\n\t\t\t\t<meta itemprop=\"url\" content=\"https:\/\/www.psib-psoe.org\/mallorca\/wp-content\/themes\/notio-wp\/assets\/img\/logo.png\">\n\t\t\t<\/span>\n\t\t\t<meta itemprop=\"url\" content=\"https:\/\/www.psib-psoe.org\/mallorca\/\">\n\t\t<\/span>\n\t\t\t\t<span class=\"hide\" itemprop=\"image\" itemscope itemtype=\"http:\/\/schema.org\/ImageObject\">\n\t\t\t<meta itemprop=\"url\" content=\"https:\/\/www.psib-psoe.org\/mallorca\/wp-content\/uploads\/050925_Gabriel-Alomar.png\">\n\t\t\t<meta itemprop=\"width\" content=\"1162\">\n\t\t\t<meta itemprop=\"height\" content=\"998\">\n\t\t<\/span>\n\t\t\t\t<meta itemscope itemprop=\"mainEntityOfPage\" itemtype=\"https:\/\/schema.org\/WebPage\" itemid=\"https:\/\/www.psib-psoe.org\/mallorca\/el-grup-socialista-alerta-que-alerta-que-les-politiques-del-govern-insular-afavoreixen-el-collapse-viari-el-creixement-descontrolat-i-un-futur-insostenible-per-a-mallorca\/\">\n\t<\/aside>\n\t\t<\/article>\n<\/div>\n<div class=\"small-12 large-4 columns\">\n\t<article itemscope itemtype=\"http:\/\/schema.org\/Article\" class=\"post blog-style7 alt post-30280 type-post status-publish format-standard has-post-thumbnail hentry category-consell-de-mallorca category-federacio-de-mallorca category-federacio-de-mallorca-portada category-municipis category-portada tag-alcudia tag-federacio-socialista-de-mallorca tag-joan-gaspar tag-joan-gaspar-vallori tag-mallorca tag-psib-psoe\" role=\"article\">\n\t\t<figure class=\"post-gallery\"><img loading=\"lazy\" decoding=\"async\" width=\"600\" height=\"400\" src=\"https:\/\/www.psib-psoe.org\/mallorca\/wp-content\/uploads\/040925_Joan-Gaspar-Vallori-600x400.png\" class=\"attachment-notio-general-x2 size-notio-general-x2 wp-post-image\" alt=\"\" srcset=\"https:\/\/www.psib-psoe.org\/mallorca\/wp-content\/uploads\/040925_Joan-Gaspar-Vallori-600x400.png 600w, https:\/\/www.psib-psoe.org\/mallorca\/wp-content\/uploads\/040925_Joan-Gaspar-Vallori-300x200.png 300w, https:\/\/www.psib-psoe.org\/mallorca\/wp-content\/uploads\/040925_Joan-Gaspar-Vallori-900x600.png 900w, https:\/\/www.psib-psoe.org\/mallorca\/wp-content\/uploads\/040925_Joan-Gaspar-Vallori-20x13.png 20w\" sizes=\"(max-width: 600px) 100vw, 600px\" \/><\/figure>\n\t\t<div class=\"blog-top\">\n\t\t\t<header class=\"post-title entry-header\">\n\t\t\t\t<aside class=\"post-meta cf\">\n\t\t04\/09\/2025 \/ <a href=\"https:\/\/www.psib-psoe.org\/mallorca\/category\/consell-de-mallorca\/\" rel=\"category tag\">Consell de Mallorca<\/a>, <a href=\"https:\/\/www.psib-psoe.org\/mallorca\/category\/federacio-de-mallorca\/\" rel=\"category tag\">Federaci\u00f3 de Mallorca<\/a>, <a href=\"https:\/\/www.psib-psoe.org\/mallorca\/category\/federacio-de-mallorca-portada\/\" rel=\"category tag\">Federaci\u00f3 de Mallorca - Portada<\/a>, <a href=\"https:\/\/www.psib-psoe.org\/mallorca\/category\/municipis\/\" rel=\"category tag\">Municipis<\/a>, <a href=\"https:\/\/www.psib-psoe.org\/mallorca\/category\/portada\/\" rel=\"category tag\">Portada<\/a><\/aside>\n\t\t\t\t<h3 itemprop=\"headline\"><a href=\"https:\/\/www.psib-psoe.org\/mallorca\/el-75-de-les-factures-pagades-uns-9-milions-deuros-per-ajuntament-dalcudia-al-2024-van-ser-irregulars\/\" title=\"El 75% de les factures pagades (uns 9 milions d\u2019euros) per Ajuntament d\u2019Alc\u00fadia al 2024 van ser irregulars\">El 75% de les factures pagades (uns 9 milions d\u2019euros) per Ajuntament d\u2019Alc\u00fadia al 2024 van ser irregulars<\/a><\/h3>\n\t\t\t<\/header>\n\t\t<\/div>\n\t\t<div class=\"post-content\">\n\t\t\t<a href=\"https:\/\/www.psib-psoe.org\/mallorca\/el-75-de-les-factures-pagades-uns-9-milions-deuros-per-ajuntament-dalcudia-al-2024-van-ser-irregulars\/\" class=\"more-link\">Read More<\/a>\n\t\t<\/div>\n\t\t\t<aside class=\"post-bottom-meta hide\">\n\t\t<strong rel=\"author\" itemprop=\"author\" class=\"author vcard\"><span class=\"fn\">Marc<\/span><\/strong>\n\t\t<time class=\"date published time\" datetime=\"2025-09-04T21:12:02+02:00\" itemprop=\"datePublished\" content=\"2025-09-04T21:12:02+02:00\">04\/09\/2025<\/time>\n\t\t<meta itemprop=\"dateModified\" class=\"date updated\" content=\"2025-09-04T21:12:14+02:00\">\n\t\t<span class=\"hide\" itemprop=\"publisher\" itemscope itemtype=\"https:\/\/schema.org\/Organization\">\n\t\t\t<meta itemprop=\"name\" content=\"SocialistesdMca\">\n\t\t\t<span itemprop=\"logo\" itemscope itemtype=\"https:\/\/schema.org\/ImageObject\">\n\t\t\t\t<meta itemprop=\"url\" content=\"https:\/\/www.psib-psoe.org\/mallorca\/wp-content\/themes\/notio-wp\/assets\/img\/logo.png\">\n\t\t\t<\/span>\n\t\t\t<meta itemprop=\"url\" content=\"https:\/\/www.psib-psoe.org\/mallorca\/\">\n\t\t<\/span>\n\t\t\t\t<span class=\"hide\" itemprop=\"image\" itemscope itemtype=\"http:\/\/schema.org\/ImageObject\">\n\t\t\t<meta itemprop=\"url\" content=\"https:\/\/www.psib-psoe.org\/mallorca\/wp-content\/uploads\/040925_Joan-Gaspar-Vallori.png\">\n\t\t\t<meta itemprop=\"width\" content=\"1188\">\n\t\t\t<meta itemprop=\"height\" content=\"1002\">\n\t\t<\/span>\n\t\t\t\t<meta itemscope itemprop=\"mainEntityOfPage\" itemtype=\"https:\/\/schema.org\/WebPage\" itemid=\"https:\/\/www.psib-psoe.org\/mallorca\/el-75-de-les-factures-pagades-uns-9-milions-deuros-per-ajuntament-dalcudia-al-2024-van-ser-irregulars\/\">\n\t<\/aside>\n\t\t<\/article>\n<\/div>\n<div class=\"small-12 large-4 columns\">\n\t<article itemscope itemtype=\"http:\/\/schema.org\/Article\" class=\"post blog-style7 alt post-30276 type-post status-publish format-standard has-post-thumbnail hentry category-consell-de-mallorca category-federacio-de-mallorca category-federacio-de-mallorca-portada category-portada tag-catalina-cladera tag-consell-de-mallorca tag-federacio-socialista-de-mallorca tag-grup-socialista tag-imas tag-mallorca tag-sofia-alonso\" role=\"article\">\n\t\t<figure class=\"post-gallery\"><img loading=\"lazy\" decoding=\"async\" width=\"600\" height=\"400\" src=\"https:\/\/www.psib-psoe.org\/mallorca\/wp-content\/uploads\/040925_Sofia-Alonso-gent-gran-600x400.png\" class=\"attachment-notio-general-x2 size-notio-general-x2 wp-post-image\" alt=\"\" srcset=\"https:\/\/www.psib-psoe.org\/mallorca\/wp-content\/uploads\/040925_Sofia-Alonso-gent-gran-600x400.png 600w, https:\/\/www.psib-psoe.org\/mallorca\/wp-content\/uploads\/040925_Sofia-Alonso-gent-gran-300x200.png 300w, https:\/\/www.psib-psoe.org\/mallorca\/wp-content\/uploads\/040925_Sofia-Alonso-gent-gran-900x600.png 900w, https:\/\/www.psib-psoe.org\/mallorca\/wp-content\/uploads\/040925_Sofia-Alonso-gent-gran-20x13.png 20w\" sizes=\"(max-width: 600px) 100vw, 600px\" \/><\/figure>\n\t\t<div class=\"blog-top\">\n\t\t\t<header class=\"post-title entry-header\">\n\t\t\t\t<aside class=\"post-meta cf\">\n\t\t04\/09\/2025 \/ <a href=\"https:\/\/www.psib-psoe.org\/mallorca\/category\/consell-de-mallorca\/\" rel=\"category tag\">Consell de Mallorca<\/a>, <a href=\"https:\/\/www.psib-psoe.org\/mallorca\/category\/federacio-de-mallorca\/\" rel=\"category tag\">Federaci\u00f3 de Mallorca<\/a>, <a href=\"https:\/\/www.psib-psoe.org\/mallorca\/category\/federacio-de-mallorca-portada\/\" rel=\"category tag\">Federaci\u00f3 de Mallorca - Portada<\/a>, <a href=\"https:\/\/www.psib-psoe.org\/mallorca\/category\/portada\/\" rel=\"category tag\">Portada<\/a><\/aside>\n\t\t\t\t<h3 itemprop=\"headline\"><a href=\"https:\/\/www.psib-psoe.org\/mallorca\/els-socialistes-adverteixen-del-risc-de-collapse-a-limas-retards-en-els-pagaments-reduccio-de-places-i-personal-al-limit-posen-en-perill-la-qualitat-del-sistema-public-assistencial-a-mallor\/\" title=\"Els Socialistes adverteixen del risc de col\u00b7lapse a l\u2019IMAS: retards en els pagaments, reducci\u00f3 de places i personal al l\u00edmit posen en perill la qualitat del sistema p\u00fablic assistencial a Mallorca\">Els Socialistes adverteixen del risc de col\u00b7lapse a l\u2019IMAS: retards en els pagaments, reducci\u00f3 de places i personal al l\u00edmit posen en perill la qualitat del sistema p\u00fablic assistencial a Mallorca<\/a><\/h3>\n\t\t\t<\/header>\n\t\t<\/div>\n\t\t<div class=\"post-content\">\n\t\t\t<a href=\"https:\/\/www.psib-psoe.org\/mallorca\/els-socialistes-adverteixen-del-risc-de-collapse-a-limas-retards-en-els-pagaments-reduccio-de-places-i-personal-al-limit-posen-en-perill-la-qualitat-del-sistema-public-assistencial-a-mallor\/\" class=\"more-link\">Read More<\/a>\n\t\t<\/div>\n\t\t\t<aside class=\"post-bottom-meta hide\">\n\t\t<strong rel=\"author\" itemprop=\"author\" class=\"author vcard\"><span class=\"fn\">Marc<\/span><\/strong>\n\t\t<time class=\"date published time\" datetime=\"2025-09-04T14:17:21+02:00\" itemprop=\"datePublished\" content=\"2025-09-04T14:17:21+02:00\">04\/09\/2025<\/time>\n\t\t<meta itemprop=\"dateModified\" class=\"date updated\" content=\"2025-09-04T14:17:33+02:00\">\n\t\t<span class=\"hide\" itemprop=\"publisher\" itemscope itemtype=\"https:\/\/schema.org\/Organization\">\n\t\t\t<meta itemprop=\"name\" content=\"SocialistesdMca\">\n\t\t\t<span itemprop=\"logo\" itemscope itemtype=\"https:\/\/schema.org\/ImageObject\">\n\t\t\t\t<meta itemprop=\"url\" content=\"https:\/\/www.psib-psoe.org\/mallorca\/wp-content\/themes\/notio-wp\/assets\/img\/logo.png\">\n\t\t\t<\/span>\n\t\t\t<meta itemprop=\"url\" content=\"https:\/\/www.psib-psoe.org\/mallorca\/\">\n\t\t<\/span>\n\t\t\t\t<span class=\"hide\" itemprop=\"image\" itemscope itemtype=\"http:\/\/schema.org\/ImageObject\">\n\t\t\t<meta itemprop=\"url\" content=\"https:\/\/www.psib-psoe.org\/mallorca\/wp-content\/uploads\/040925_Sofia-Alonso-gent-gran.png\">\n\t\t\t<meta itemprop=\"width\" content=\"1192\">\n\t\t\t<meta itemprop=\"height\" content=\"1022\">\n\t\t<\/span>\n\t\t\t\t<meta itemscope itemprop=\"mainEntityOfPage\" itemtype=\"https:\/\/schema.org\/WebPage\" itemid=\"https:\/\/www.psib-psoe.org\/mallorca\/els-socialistes-adverteixen-del-risc-de-collapse-a-limas-retards-en-els-pagaments-reduccio-de-places-i-personal-al-limit-posen-en-perill-la-qualitat-del-sistema-public-assistencial-a-mallor\/\">\n\t<\/aside>\n\t\t<\/article>\n<\/div>\n<div class=\"small-12 large-4 columns\">\n\t<article itemscope itemtype=\"http:\/\/schema.org\/Article\" class=\"post blog-style7 alt post-30270 type-post status-publish format-standard has-post-thumbnail hentry category-consell-de-mallorca category-federacio-de-mallorca category-federacio-de-mallorca-portada category-portada tag-andreu-serra tag-catalina-cladera tag-consell-de-mallorca tag-federacio-socialista-de-mallorca tag-grup-socialista tag-mallorca\" role=\"article\">\n\t\t<figure class=\"post-gallery\"><img loading=\"lazy\" decoding=\"async\" width=\"600\" height=\"400\" src=\"https:\/\/www.psib-psoe.org\/mallorca\/wp-content\/uploads\/020925_Catalina-Cladera-i-Andreu-Serra-600x400.jpg\" class=\"attachment-notio-general-x2 size-notio-general-x2 wp-post-image\" alt=\"\" srcset=\"https:\/\/www.psib-psoe.org\/mallorca\/wp-content\/uploads\/020925_Catalina-Cladera-i-Andreu-Serra-600x400.jpg 600w, https:\/\/www.psib-psoe.org\/mallorca\/wp-content\/uploads\/020925_Catalina-Cladera-i-Andreu-Serra-300x200.jpg 300w, https:\/\/www.psib-psoe.org\/mallorca\/wp-content\/uploads\/020925_Catalina-Cladera-i-Andreu-Serra-900x600.jpg 900w, https:\/\/www.psib-psoe.org\/mallorca\/wp-content\/uploads\/020925_Catalina-Cladera-i-Andreu-Serra-20x13.jpg 20w\" sizes=\"(max-width: 600px) 100vw, 600px\" \/><\/figure>\n\t\t<div class=\"blog-top\">\n\t\t\t<header class=\"post-title entry-header\">\n\t\t\t\t<aside class=\"post-meta cf\">\n\t\t02\/09\/2025 \/ <a href=\"https:\/\/www.psib-psoe.org\/mallorca\/category\/consell-de-mallorca\/\" rel=\"category tag\">Consell de Mallorca<\/a>, <a href=\"https:\/\/www.psib-psoe.org\/mallorca\/category\/federacio-de-mallorca\/\" rel=\"category tag\">Federaci\u00f3 de Mallorca<\/a>, <a href=\"https:\/\/www.psib-psoe.org\/mallorca\/category\/federacio-de-mallorca-portada\/\" rel=\"category tag\">Federaci\u00f3 de Mallorca - Portada<\/a>, <a href=\"https:\/\/www.psib-psoe.org\/mallorca\/category\/portada\/\" rel=\"category tag\">Portada<\/a><\/aside>\n\t\t\t\t<h3 itemprop=\"headline\"><a href=\"https:\/\/www.psib-psoe.org\/mallorca\/catalina-cladera-la-capacitat-de-gestio-del-conseller-de-turisme-marcial-rodriguez-es-nulla-el-seu-departament-es-un-caos\/\" title=\"Catalina Cladera: \u201cLa capacitat de gesti\u00f3 del conseller de Turisme, Marcial Rodr\u00edguez, \u00e9s nul\u00b7la. El seu departament \u00e9s un caos\u201d\">Catalina Cladera: \u201cLa capacitat de gesti\u00f3 del conseller de Turisme, Marcial Rodr\u00edguez, \u00e9s nul\u00b7la. El seu departament \u00e9s un caos\u201d<\/a><\/h3>\n\t\t\t<\/header>\n\t\t<\/div>\n\t\t<div class=\"post-content\">\n\t\t\t<a href=\"https:\/\/www.psib-psoe.org\/mallorca\/catalina-cladera-la-capacitat-de-gestio-del-conseller-de-turisme-marcial-rodriguez-es-nulla-el-seu-departament-es-un-caos\/\" class=\"more-link\">Read More<\/a>\n\t\t<\/div>\n\t\t\t<aside class=\"post-bottom-meta hide\">\n\t\t<strong rel=\"author\" itemprop=\"author\" class=\"author vcard\"><span class=\"fn\">Marc<\/span><\/strong>\n\t\t<time class=\"date published time\" datetime=\"2025-09-02T14:31:29+02:00\" itemprop=\"datePublished\" content=\"2025-09-02T14:31:29+02:00\">02\/09\/2025<\/time>\n\t\t<meta itemprop=\"dateModified\" class=\"date updated\" content=\"2025-09-02T14:31:41+02:00\">\n\t\t<span class=\"hide\" itemprop=\"publisher\" itemscope itemtype=\"https:\/\/schema.org\/Organization\">\n\t\t\t<meta itemprop=\"name\" content=\"SocialistesdMca\">\n\t\t\t<span itemprop=\"logo\" itemscope itemtype=\"https:\/\/schema.org\/ImageObject\">\n\t\t\t\t<meta itemprop=\"url\" content=\"https:\/\/www.psib-psoe.org\/mallorca\/wp-content\/themes\/notio-wp\/assets\/img\/logo.png\">\n\t\t\t<\/span>\n\t\t\t<meta itemprop=\"url\" content=\"https:\/\/www.psib-psoe.org\/mallorca\/\">\n\t\t<\/span>\n\t\t\t\t<span class=\"hide\" itemprop=\"image\" itemscope itemtype=\"http:\/\/schema.org\/ImageObject\">\n\t\t\t<meta itemprop=\"url\" content=\"https:\/\/www.psib-psoe.org\/mallorca\/wp-content\/uploads\/020925_Catalina-Cladera-i-Andreu-Serra-scaled.jpg\">\n\t\t\t<meta itemprop=\"width\" content=\"2560\">\n\t\t\t<meta itemprop=\"height\" content=\"1920\">\n\t\t<\/span>\n\t\t\t\t<meta itemscope itemprop=\"mainEntityOfPage\" itemtype=\"https:\/\/schema.org\/WebPage\" itemid=\"https:\/\/www.psib-psoe.org\/mallorca\/catalina-cladera-la-capacitat-de-gestio-del-conseller-de-turisme-marcial-rodriguez-es-nulla-el-seu-departament-es-un-caos\/\">\n\t<\/aside>\n\t\t<\/article>\n<\/div>\n<div class=\"small-12 large-4 columns\">\n\t<article itemscope itemtype=\"http:\/\/schema.org\/Article\" class=\"post blog-style7 alt post-30267 type-post status-publish format-standard has-post-thumbnail hentry category-consell-de-mallorca category-federacio-de-mallorca category-federacio-de-mallorca-portada category-portada tag-andreu-serra tag-consell-de-mallorca tag-federacio-socialista-de-mallorca tag-grup-socialista tag-mallorca\" role=\"article\">\n\t\t<figure class=\"post-gallery\"><img loading=\"lazy\" decoding=\"async\" width=\"600\" height=\"400\" src=\"https:\/\/www.psib-psoe.org\/mallorca\/wp-content\/uploads\/Executiva-PSIB-Mallorca-Andreu-Serra-600x400.jpg\" class=\"attachment-notio-general-x2 size-notio-general-x2 wp-post-image\" alt=\"\" srcset=\"https:\/\/www.psib-psoe.org\/mallorca\/wp-content\/uploads\/Executiva-PSIB-Mallorca-Andreu-Serra-600x400.jpg 600w, https:\/\/www.psib-psoe.org\/mallorca\/wp-content\/uploads\/Executiva-PSIB-Mallorca-Andreu-Serra-300x200.jpg 300w, https:\/\/www.psib-psoe.org\/mallorca\/wp-content\/uploads\/Executiva-PSIB-Mallorca-Andreu-Serra-1024x683.jpg 1024w, https:\/\/www.psib-psoe.org\/mallorca\/wp-content\/uploads\/Executiva-PSIB-Mallorca-Andreu-Serra-768x512.jpg 768w, https:\/\/www.psib-psoe.org\/mallorca\/wp-content\/uploads\/Executiva-PSIB-Mallorca-Andreu-Serra-1536x1024.jpg 1536w, https:\/\/www.psib-psoe.org\/mallorca\/wp-content\/uploads\/Executiva-PSIB-Mallorca-Andreu-Serra-2048x1365.jpg 2048w, https:\/\/www.psib-psoe.org\/mallorca\/wp-content\/uploads\/Executiva-PSIB-Mallorca-Andreu-Serra-150x100.jpg 150w, https:\/\/www.psib-psoe.org\/mallorca\/wp-content\/uploads\/Executiva-PSIB-Mallorca-Andreu-Serra-900x600.jpg 900w, https:\/\/www.psib-psoe.org\/mallorca\/wp-content\/uploads\/Executiva-PSIB-Mallorca-Andreu-Serra-20x13.jpg 20w\" sizes=\"(max-width: 600px) 100vw, 600px\" \/><\/figure>\n\t\t<div class=\"blog-top\">\n\t\t\t<header class=\"post-title entry-header\">\n\t\t\t\t<aside class=\"post-meta cf\">\n\t\t01\/09\/2025 \/ <a href=\"https:\/\/www.psib-psoe.org\/mallorca\/category\/consell-de-mallorca\/\" rel=\"category tag\">Consell de Mallorca<\/a>, <a href=\"https:\/\/www.psib-psoe.org\/mallorca\/category\/federacio-de-mallorca\/\" rel=\"category tag\">Federaci\u00f3 de Mallorca<\/a>, <a href=\"https:\/\/www.psib-psoe.org\/mallorca\/category\/federacio-de-mallorca-portada\/\" rel=\"category tag\">Federaci\u00f3 de Mallorca - Portada<\/a>, <a href=\"https:\/\/www.psib-psoe.org\/mallorca\/category\/portada\/\" rel=\"category tag\">Portada<\/a><\/aside>\n\t\t\t\t<h3 itemprop=\"headline\"><a href=\"https:\/\/www.psib-psoe.org\/mallorca\/el-grup-socialista-denuncia-el-caos-absolut-del-departament-de-turisme-del-consell-de-mallorca-despres-de-que-hagi-hagut-de-post-posar-la-venda-de-places-turistiques\/\" title=\"El Grup Socialista denuncia el \u201ccaos absolut\u201d del departament de Turisme del Consell de Mallorca despr\u00e9s de que hagi hagut de post posar la venda de places tur\u00edstiques\">El Grup Socialista denuncia el \u201ccaos absolut\u201d del departament de Turisme del Consell de Mallorca despr\u00e9s de que hagi hagut de post posar la venda de places tur\u00edstiques<\/a><\/h3>\n\t\t\t<\/header>\n\t\t<\/div>\n\t\t<div class=\"post-content\">\n\t\t\t<a href=\"https:\/\/www.psib-psoe.org\/mallorca\/el-grup-socialista-denuncia-el-caos-absolut-del-departament-de-turisme-del-consell-de-mallorca-despres-de-que-hagi-hagut-de-post-posar-la-venda-de-places-turistiques\/\" class=\"more-link\">Read More<\/a>\n\t\t<\/div>\n\t\t\t<aside class=\"post-bottom-meta hide\">\n\t\t<strong rel=\"author\" itemprop=\"author\" class=\"author vcard\"><span class=\"fn\">Marc<\/span><\/strong>\n\t\t<time class=\"date published time\" datetime=\"2025-09-01T20:29:21+02:00\" itemprop=\"datePublished\" content=\"2025-09-01T20:29:21+02:00\">01\/09\/2025<\/time>\n\t\t<meta itemprop=\"dateModified\" class=\"date updated\" content=\"2025-09-01T20:29:32+02:00\">\n\t\t<span class=\"hide\" itemprop=\"publisher\" itemscope itemtype=\"https:\/\/schema.org\/Organization\">\n\t\t\t<meta itemprop=\"name\" content=\"SocialistesdMca\">\n\t\t\t<span itemprop=\"logo\" itemscope itemtype=\"https:\/\/schema.org\/ImageObject\">\n\t\t\t\t<meta itemprop=\"url\" content=\"https:\/\/www.psib-psoe.org\/mallorca\/wp-content\/themes\/notio-wp\/assets\/img\/logo.png\">\n\t\t\t<\/span>\n\t\t\t<meta itemprop=\"url\" content=\"https:\/\/www.psib-psoe.org\/mallorca\/\">\n\t\t<\/span>\n\t\t\t\t<span class=\"hide\" itemprop=\"image\" itemscope itemtype=\"http:\/\/schema.org\/ImageObject\">\n\t\t\t<meta itemprop=\"url\" content=\"https:\/\/www.psib-psoe.org\/mallorca\/wp-content\/uploads\/Executiva-PSIB-Mallorca-Andreu-Serra-scaled.jpg\">\n\t\t\t<meta itemprop=\"width\" content=\"2560\">\n\t\t\t<meta itemprop=\"height\" content=\"1707\">\n\t\t<\/span>\n\t\t\t\t<meta itemscope itemprop=\"mainEntityOfPage\" itemtype=\"https:\/\/schema.org\/WebPage\" itemid=\"https:\/\/www.psib-psoe.org\/mallorca\/el-grup-socialista-denuncia-el-caos-absolut-del-departament-de-turisme-del-consell-de-mallorca-despres-de-que-hagi-hagut-de-post-posar-la-venda-de-places-turistiques\/\">\n\t<\/aside>\n\t\t<\/article>\n<\/div>\n<div class=\"small-12 large-4 columns\">\n\t<article itemscope itemtype=\"http:\/\/schema.org\/Article\" class=\"post blog-style7 alt post-30263 type-post status-publish format-standard has-post-thumbnail hentry category-consell-de-mallorca category-federacio-de-mallorca category-portada tag-agressions tag-federacio-socialista-de-mallorca tag-grup-socialista tag-mallorca\" role=\"article\">\n\t\t<figure class=\"post-gallery\"><img loading=\"lazy\" decoding=\"async\" width=\"600\" height=\"400\" src=\"https:\/\/www.psib-psoe.org\/mallorca\/wp-content\/uploads\/Logo-FSM-600x400.jpg\" class=\"attachment-notio-general-x2 size-notio-general-x2 wp-post-image\" alt=\"\" srcset=\"https:\/\/www.psib-psoe.org\/mallorca\/wp-content\/uploads\/Logo-FSM-600x400.jpg 600w, https:\/\/www.psib-psoe.org\/mallorca\/wp-content\/uploads\/Logo-FSM-300x200.jpg 300w, https:\/\/www.psib-psoe.org\/mallorca\/wp-content\/uploads\/Logo-FSM-900x600.jpg 900w, https:\/\/www.psib-psoe.org\/mallorca\/wp-content\/uploads\/Logo-FSM-20x13.jpg 20w\" sizes=\"(max-width: 600px) 100vw, 600px\" \/><\/figure>\n\t\t<div class=\"blog-top\">\n\t\t\t<header class=\"post-title entry-header\">\n\t\t\t\t<aside class=\"post-meta cf\">\n\t\t01\/09\/2025 \/ <a href=\"https:\/\/www.psib-psoe.org\/mallorca\/category\/consell-de-mallorca\/\" rel=\"category tag\">Consell de Mallorca<\/a>, <a href=\"https:\/\/www.psib-psoe.org\/mallorca\/category\/federacio-de-mallorca\/\" rel=\"category tag\">Federaci\u00f3 de Mallorca<\/a>, <a href=\"https:\/\/www.psib-psoe.org\/mallorca\/category\/portada\/\" rel=\"category tag\">Portada<\/a><\/aside>\n\t\t\t\t<h3 itemprop=\"headline\"><a href=\"https:\/\/www.psib-psoe.org\/mallorca\/el-psib-psoe-condemna-lagressio-per-motius-ideologics-patida-per-un-jove-a-binissalem\/\" title=\"El PSIB-PSOE condemna l\u2019agressi\u00f3 per motius ideol\u00f2gics patida per un jove a Binissalem\">El PSIB-PSOE condemna l\u2019agressi\u00f3 per motius ideol\u00f2gics patida per un jove a Binissalem<\/a><\/h3>\n\t\t\t<\/header>\n\t\t<\/div>\n\t\t<div class=\"post-content\">\n\t\t\t<a href=\"https:\/\/www.psib-psoe.org\/mallorca\/el-psib-psoe-condemna-lagressio-per-motius-ideologics-patida-per-un-jove-a-binissalem\/\" class=\"more-link\">Read More<\/a>\n\t\t<\/div>\n\t\t\t<aside class=\"post-bottom-meta hide\">\n\t\t<strong rel=\"author\" itemprop=\"author\" class=\"author vcard\"><span class=\"fn\">Marc<\/span><\/strong>\n\t\t<time class=\"date published time\" datetime=\"2025-09-01T14:16:42+02:00\" itemprop=\"datePublished\" content=\"2025-09-01T14:16:42+02:00\">01\/09\/2025<\/time>\n\t\t<meta itemprop=\"dateModified\" class=\"date updated\" content=\"2025-09-01T14:16:53+02:00\">\n\t\t<span class=\"hide\" itemprop=\"publisher\" itemscope itemtype=\"https:\/\/schema.org\/Organization\">\n\t\t\t<meta itemprop=\"name\" content=\"SocialistesdMca\">\n\t\t\t<span itemprop=\"logo\" itemscope itemtype=\"https:\/\/schema.org\/ImageObject\">\n\t\t\t\t<meta itemprop=\"url\" content=\"https:\/\/www.psib-psoe.org\/mallorca\/wp-content\/themes\/notio-wp\/assets\/img\/logo.png\">\n\t\t\t<\/span>\n\t\t\t<meta itemprop=\"url\" content=\"https:\/\/www.psib-psoe.org\/mallorca\/\">\n\t\t<\/span>\n\t\t\t\t<span class=\"hide\" itemprop=\"image\" itemscope itemtype=\"http:\/\/schema.org\/ImageObject\">\n\t\t\t<meta itemprop=\"url\" content=\"https:\/\/www.psib-psoe.org\/mallorca\/wp-content\/uploads\/Logo-FSM.jpg\">\n\t\t\t<meta itemprop=\"width\" content=\"1080\">\n\t\t\t<meta itemprop=\"height\" content=\"1080\">\n\t\t<\/span>\n\t\t\t\t<meta itemscope itemprop=\"mainEntityOfPage\" itemtype=\"https:\/\/schema.org\/WebPage\" itemid=\"https:\/\/www.psib-psoe.org\/mallorca\/el-psib-psoe-condemna-lagressio-per-motius-ideologics-patida-per-un-jove-a-binissalem\/\">\n\t<\/aside>\n\t\t<\/article>\n<\/div>\n<div class=\"small-12 large-4 columns\">\n\t<article itemscope itemtype=\"http:\/\/schema.org\/Article\" class=\"post blog-style7 alt post-30260 type-post status-publish format-standard has-post-thumbnail hentry category-consell-de-mallorca category-federacio-de-mallorca category-portada tag-andreu-serra tag-consell-de-mallorca tag-federacio-socialista-de-mallorca tag-grup-socialista tag-turisme\" role=\"article\">\n\t\t<figure class=\"post-gallery\"><img loading=\"lazy\" decoding=\"async\" width=\"600\" height=\"400\" src=\"https:\/\/www.psib-psoe.org\/mallorca\/wp-content\/uploads\/270825_Andreu-Serra-600x400.png\" class=\"attachment-notio-general-x2 size-notio-general-x2 wp-post-image\" alt=\"\" srcset=\"https:\/\/www.psib-psoe.org\/mallorca\/wp-content\/uploads\/270825_Andreu-Serra-600x400.png 600w, https:\/\/www.psib-psoe.org\/mallorca\/wp-content\/uploads\/270825_Andreu-Serra-300x200.png 300w, https:\/\/www.psib-psoe.org\/mallorca\/wp-content\/uploads\/270825_Andreu-Serra-900x600.png 900w, https:\/\/www.psib-psoe.org\/mallorca\/wp-content\/uploads\/270825_Andreu-Serra-20x13.png 20w\" sizes=\"(max-width: 600px) 100vw, 600px\" \/><\/figure>\n\t\t<div class=\"blog-top\">\n\t\t\t<header class=\"post-title entry-header\">\n\t\t\t\t<aside class=\"post-meta cf\">\n\t\t29\/08\/2025 \/ <a href=\"https:\/\/www.psib-psoe.org\/mallorca\/category\/consell-de-mallorca\/\" rel=\"category tag\">Consell de Mallorca<\/a>, <a href=\"https:\/\/www.psib-psoe.org\/mallorca\/category\/federacio-de-mallorca\/\" rel=\"category tag\">Federaci\u00f3 de Mallorca<\/a>, <a href=\"https:\/\/www.psib-psoe.org\/mallorca\/category\/portada\/\" rel=\"category tag\">Portada<\/a><\/aside>\n\t\t\t\t<h3 itemprop=\"headline\"><a href=\"https:\/\/www.psib-psoe.org\/mallorca\/el-grup-socialista-lamenta-la-nulla-capacitat-de-gestio-del-consell-de-mallorca-i-el-seu-departament-de-turisme-per-fer-front-a-loferta-turistica-illegal\/\" title=\"El Grup Socialista lamenta la nul\u00b7la capacitat de gesti\u00f3 del Consell de Mallorca i el seu departament de turisme per fer front a l\u2019oferta tur\u00edstica il\u00b7legal\">El Grup Socialista lamenta la nul\u00b7la capacitat de gesti\u00f3 del Consell de Mallorca i el seu departament de turisme per fer front a l\u2019oferta tur\u00edstica il\u00b7legal<\/a><\/h3>\n\t\t\t<\/header>\n\t\t<\/div>\n\t\t<div class=\"post-content\">\n\t\t\t<a href=\"https:\/\/www.psib-psoe.org\/mallorca\/el-grup-socialista-lamenta-la-nulla-capacitat-de-gestio-del-consell-de-mallorca-i-el-seu-departament-de-turisme-per-fer-front-a-loferta-turistica-illegal\/\" class=\"more-link\">Read More<\/a>\n\t\t<\/div>\n\t\t\t<aside class=\"post-bottom-meta hide\">\n\t\t<strong rel=\"author\" itemprop=\"author\" class=\"author vcard\"><span class=\"fn\">Marc<\/span><\/strong>\n\t\t<time class=\"date published time\" datetime=\"2025-08-29T13:14:09+02:00\" itemprop=\"datePublished\" content=\"2025-08-29T13:14:09+02:00\">29\/08\/2025<\/time>\n\t\t<meta itemprop=\"dateModified\" class=\"date updated\" content=\"2025-08-29T13:14:21+02:00\">\n\t\t<span class=\"hide\" itemprop=\"publisher\" itemscope itemtype=\"https:\/\/schema.org\/Organization\">\n\t\t\t<meta itemprop=\"name\" content=\"SocialistesdMca\">\n\t\t\t<span itemprop=\"logo\" itemscope itemtype=\"https:\/\/schema.org\/ImageObject\">\n\t\t\t\t<meta itemprop=\"url\" content=\"https:\/\/www.psib-psoe.org\/mallorca\/wp-content\/themes\/notio-wp\/assets\/img\/logo.png\">\n\t\t\t<\/span>\n\t\t\t<meta itemprop=\"url\" content=\"https:\/\/www.psib-psoe.org\/mallorca\/\">\n\t\t<\/span>\n\t\t\t\t<span class=\"hide\" itemprop=\"image\" itemscope itemtype=\"http:\/\/schema.org\/ImageObject\">\n\t\t\t<meta itemprop=\"url\" content=\"https:\/\/www.psib-psoe.org\/mallorca\/wp-content\/uploads\/270825_Andreu-Serra.png\">\n\t\t\t<meta itemprop=\"width\" content=\"1202\">\n\t\t\t<meta itemprop=\"height\" content=\"1146\">\n\t\t<\/span>\n\t\t\t\t<meta itemscope itemprop=\"mainEntityOfPage\" itemtype=\"https:\/\/schema.org\/WebPage\" itemid=\"https:\/\/www.psib-psoe.org\/mallorca\/el-grup-socialista-lamenta-la-nulla-capacitat-de-gestio-del-consell-de-mallorca-i-el-seu-departament-de-turisme-per-fer-front-a-loferta-turistica-illegal\/\">\n\t<\/aside>\n\t\t<\/article>\n<\/div>\n<div class=\"small-12 large-4 columns\">\n\t<article itemscope itemtype=\"http:\/\/schema.org\/Article\" class=\"post blog-style7 alt post-30255 type-post status-publish format-standard has-post-thumbnail hentry category-consell-de-mallorca category-federacio-de-mallorca category-portada tag-andreu-serra tag-consell-de-mallorca tag-federacio-socialista-de-mallorca tag-grup-socialista tag-turisme\" role=\"article\">\n\t\t<figure class=\"post-gallery\"><img loading=\"lazy\" decoding=\"async\" width=\"600\" height=\"400\" src=\"https:\/\/www.psib-psoe.org\/mallorca\/wp-content\/uploads\/270825_Andreu-Serra-600x400.png\" class=\"attachment-notio-general-x2 size-notio-general-x2 wp-post-image\" alt=\"\" srcset=\"https:\/\/www.psib-psoe.org\/mallorca\/wp-content\/uploads\/270825_Andreu-Serra-600x400.png 600w, https:\/\/www.psib-psoe.org\/mallorca\/wp-content\/uploads\/270825_Andreu-Serra-300x200.png 300w, https:\/\/www.psib-psoe.org\/mallorca\/wp-content\/uploads\/270825_Andreu-Serra-900x600.png 900w, https:\/\/www.psib-psoe.org\/mallorca\/wp-content\/uploads\/270825_Andreu-Serra-20x13.png 20w\" sizes=\"(max-width: 600px) 100vw, 600px\" \/><\/figure>\n\t\t<div class=\"blog-top\">\n\t\t\t<header class=\"post-title entry-header\">\n\t\t\t\t<aside class=\"post-meta cf\">\n\t\t27\/08\/2025 \/ <a href=\"https:\/\/www.psib-psoe.org\/mallorca\/category\/consell-de-mallorca\/\" rel=\"category tag\">Consell de Mallorca<\/a>, <a href=\"https:\/\/www.psib-psoe.org\/mallorca\/category\/federacio-de-mallorca\/\" rel=\"category tag\">Federaci\u00f3 de Mallorca<\/a>, <a href=\"https:\/\/www.psib-psoe.org\/mallorca\/category\/portada\/\" rel=\"category tag\">Portada<\/a><\/aside>\n\t\t\t\t<h3 itemprop=\"headline\"><a href=\"https:\/\/www.psib-psoe.org\/mallorca\/el-grup-socialista-denuncia-la-hipocresia-del-consell-ppvox-arriba-mes-turisme-i-es-fa-mes-promocio-que-mai-mentre-es-nega-que-sen-faci-i-presumeixen-de-fer-contencio-contra-la-massificacio\/\" title=\"El Grup Socialista denuncia la hipocresia del Consell PPVox: arriba m\u00e9s turisme i es fa m\u00e9s promoci\u00f3 que mai, mentre es nega que se\u2019n faci i presumeixen de fer contenci\u00f3 contra la massificaci\u00f3\">El Grup Socialista denuncia la hipocresia del Consell PPVox: arriba m\u00e9s turisme i es fa m\u00e9s promoci\u00f3 que mai, mentre es nega que se\u2019n faci i presumeixen de fer contenci\u00f3 contra la massificaci\u00f3<\/a><\/h3>\n\t\t\t<\/header>\n\t\t<\/div>\n\t\t<div class=\"post-content\">\n\t\t\t<a href=\"https:\/\/www.psib-psoe.org\/mallorca\/el-grup-socialista-denuncia-la-hipocresia-del-consell-ppvox-arriba-mes-turisme-i-es-fa-mes-promocio-que-mai-mentre-es-nega-que-sen-faci-i-presumeixen-de-fer-contencio-contra-la-massificacio\/\" class=\"more-link\">Read More<\/a>\n\t\t<\/div>\n\t\t\t<aside class=\"post-bottom-meta hide\">\n\t\t<strong rel=\"author\" itemprop=\"author\" class=\"author vcard\"><span class=\"fn\">Marc<\/span><\/strong>\n\t\t<time class=\"date published time\" datetime=\"2025-08-27T11:47:30+02:00\" itemprop=\"datePublished\" content=\"2025-08-27T11:47:30+02:00\">27\/08\/2025<\/time>\n\t\t<meta itemprop=\"dateModified\" class=\"date updated\" content=\"2025-08-27T14:43:32+02:00\">\n\t\t<span class=\"hide\" itemprop=\"publisher\" itemscope itemtype=\"https:\/\/schema.org\/Organization\">\n\t\t\t<meta itemprop=\"name\" content=\"SocialistesdMca\">\n\t\t\t<span itemprop=\"logo\" itemscope itemtype=\"https:\/\/schema.org\/ImageObject\">\n\t\t\t\t<meta itemprop=\"url\" content=\"https:\/\/www.psib-psoe.org\/mallorca\/wp-content\/themes\/notio-wp\/assets\/img\/logo.png\">\n\t\t\t<\/span>\n\t\t\t<meta itemprop=\"url\" content=\"https:\/\/www.psib-psoe.org\/mallorca\/\">\n\t\t<\/span>\n\t\t\t\t<span class=\"hide\" itemprop=\"image\" itemscope itemtype=\"http:\/\/schema.org\/ImageObject\">\n\t\t\t<meta itemprop=\"url\" content=\"https:\/\/www.psib-psoe.org\/mallorca\/wp-content\/uploads\/270825_Andreu-Serra.png\">\n\t\t\t<meta itemprop=\"width\" content=\"1202\">\n\t\t\t<meta itemprop=\"height\" content=\"1146\">\n\t\t<\/span>\n\t\t\t\t<meta itemscope itemprop=\"mainEntityOfPage\" itemtype=\"https:\/\/schema.org\/WebPage\" itemid=\"https:\/\/www.psib-psoe.org\/mallorca\/el-grup-socialista-denuncia-la-hipocresia-del-consell-ppvox-arriba-mes-turisme-i-es-fa-mes-promocio-que-mai-mentre-es-nega-que-sen-faci-i-presumeixen-de-fer-contencio-contra-la-massificacio\/\">\n\t<\/aside>\n\t\t<\/article>\n<\/div>\n<div class=\"small-12 large-4 columns\">\n\t<article itemscope itemtype=\"http:\/\/schema.org\/Article\" class=\"post blog-style7 alt post-30250 type-post status-publish format-standard has-post-thumbnail hentry category-consell-de-mallorca category-federacio-de-mallorca category-portada tag-consell-de-mallorca tag-federacio-socialista-de-mallorca tag-grup-socialista tag-joan-ferrer\" role=\"article\">\n\t\t<figure class=\"post-gallery\"><img loading=\"lazy\" decoding=\"async\" width=\"600\" height=\"400\" src=\"https:\/\/www.psib-psoe.org\/mallorca\/wp-content\/uploads\/250825_Joan-Ferrer-600x400.png\" class=\"attachment-notio-general-x2 size-notio-general-x2 wp-post-image\" alt=\"\" srcset=\"https:\/\/www.psib-psoe.org\/mallorca\/wp-content\/uploads\/250825_Joan-Ferrer-600x400.png 600w, https:\/\/www.psib-psoe.org\/mallorca\/wp-content\/uploads\/250825_Joan-Ferrer-300x200.png 300w, https:\/\/www.psib-psoe.org\/mallorca\/wp-content\/uploads\/250825_Joan-Ferrer-900x600.png 900w, https:\/\/www.psib-psoe.org\/mallorca\/wp-content\/uploads\/250825_Joan-Ferrer-20x13.png 20w\" sizes=\"(max-width: 600px) 100vw, 600px\" \/><\/figure>\n\t\t<div class=\"blog-top\">\n\t\t\t<header class=\"post-title entry-header\">\n\t\t\t\t<aside class=\"post-meta cf\">\n\t\t25\/08\/2025 \/ <a href=\"https:\/\/www.psib-psoe.org\/mallorca\/category\/consell-de-mallorca\/\" rel=\"category tag\">Consell de Mallorca<\/a>, <a href=\"https:\/\/www.psib-psoe.org\/mallorca\/category\/federacio-de-mallorca\/\" rel=\"category tag\">Federaci\u00f3 de Mallorca<\/a>, <a href=\"https:\/\/www.psib-psoe.org\/mallorca\/category\/portada\/\" rel=\"category tag\">Portada<\/a><\/aside>\n\t\t\t\t<h3 itemprop=\"headline\"><a href=\"https:\/\/www.psib-psoe.org\/mallorca\/el-grup-socialista-exigeix-que-el-consell-de-mallorca-canvii-les-actuals-bases-de-les-convocatories-i-apliqui-criteris-qualitatius-per-a-les-subvencions-de-creacio-artistica\/\" title=\"El Grup Socialista exigeix que el Consell de Mallorca canvi\u00ef les actuals bases de les convocat\u00f2ries i apliqui \u201ccriteris qualitatius\u201d per a les subvencions de creaci\u00f3 art\u00edstica\">El Grup Socialista exigeix que el Consell de Mallorca canvi\u00ef les actuals bases de les convocat\u00f2ries i apliqui \u201ccriteris qualitatius\u201d per a les subvencions de creaci\u00f3 art\u00edstica<\/a><\/h3>\n\t\t\t<\/header>\n\t\t<\/div>\n\t\t<div class=\"post-content\">\n\t\t\t<a href=\"https:\/\/www.psib-psoe.org\/mallorca\/el-grup-socialista-exigeix-que-el-consell-de-mallorca-canvii-les-actuals-bases-de-les-convocatories-i-apliqui-criteris-qualitatius-per-a-les-subvencions-de-creacio-artistica\/\" class=\"more-link\">Read More<\/a>\n\t\t<\/div>\n\t\t\t<aside class=\"post-bottom-meta hide\">\n\t\t<strong rel=\"author\" itemprop=\"author\" class=\"author vcard\"><span class=\"fn\">Marc<\/span><\/strong>\n\t\t<time class=\"date published time\" datetime=\"2025-08-25T20:50:48+02:00\" itemprop=\"datePublished\" content=\"2025-08-25T20:50:48+02:00\">25\/08\/2025<\/time>\n\t\t<meta itemprop=\"dateModified\" class=\"date updated\" content=\"2025-08-25T20:57:02+02:00\">\n\t\t<span class=\"hide\" itemprop=\"publisher\" itemscope itemtype=\"https:\/\/schema.org\/Organization\">\n\t\t\t<meta itemprop=\"name\" content=\"SocialistesdMca\">\n\t\t\t<span itemprop=\"logo\" itemscope itemtype=\"https:\/\/schema.org\/ImageObject\">\n\t\t\t\t<meta itemprop=\"url\" content=\"https:\/\/www.psib-psoe.org\/mallorca\/wp-content\/themes\/notio-wp\/assets\/img\/logo.png\">\n\t\t\t<\/span>\n\t\t\t<meta itemprop=\"url\" content=\"https:\/\/www.psib-psoe.org\/mallorca\/\">\n\t\t<\/span>\n\t\t\t\t<span class=\"hide\" itemprop=\"image\" itemscope itemtype=\"http:\/\/schema.org\/ImageObject\">\n\t\t\t<meta itemprop=\"url\" content=\"https:\/\/www.psib-psoe.org\/mallorca\/wp-content\/uploads\/250825_Joan-Ferrer.png\">\n\t\t\t<meta itemprop=\"width\" content=\"1190\">\n\t\t\t<meta itemprop=\"height\" content=\"1096\">\n\t\t<\/span>\n\t\t\t\t<meta itemscope itemprop=\"mainEntityOfPage\" itemtype=\"https:\/\/schema.org\/WebPage\" itemid=\"https:\/\/www.psib-psoe.org\/mallorca\/el-grup-socialista-exigeix-que-el-consell-de-mallorca-canvii-les-actuals-bases-de-les-convocatories-i-apliqui-criteris-qualitatius-per-a-les-subvencions-de-creacio-artistica\/\">\n\t<\/aside>\n\t\t<\/article>\n<\/div>\n<div class=\"small-12 large-4 columns\">\n\t<article itemscope itemtype=\"http:\/\/schema.org\/Article\" class=\"post blog-style7 alt post-30248 type-post status-publish format-standard has-post-thumbnail hentry category-federacio-de-mallorca tag-federacio-socialista-de-mallorca\" role=\"article\">\n\t\t<figure class=\"post-gallery\"><img loading=\"lazy\" decoding=\"async\" width=\"600\" height=\"400\" src=\"https:\/\/www.psib-psoe.org\/mallorca\/wp-content\/uploads\/WhatsApp-Image-2025-08-25-at-12.22.34-1000x750-1-600x400.jpeg\" class=\"attachment-notio-general-x2 size-notio-general-x2 wp-post-image\" alt=\"\" srcset=\"https:\/\/www.psib-psoe.org\/mallorca\/wp-content\/uploads\/WhatsApp-Image-2025-08-25-at-12.22.34-1000x750-1-600x400.jpeg 600w, https:\/\/www.psib-psoe.org\/mallorca\/wp-content\/uploads\/WhatsApp-Image-2025-08-25-at-12.22.34-1000x750-1-300x200.jpeg 300w, https:\/\/www.psib-psoe.org\/mallorca\/wp-content\/uploads\/WhatsApp-Image-2025-08-25-at-12.22.34-1000x750-1-900x600.jpeg 900w, https:\/\/www.psib-psoe.org\/mallorca\/wp-content\/uploads\/WhatsApp-Image-2025-08-25-at-12.22.34-1000x750-1-20x13.jpeg 20w\" sizes=\"(max-width: 600px) 100vw, 600px\" \/><\/figure>\n\t\t<div class=\"blog-top\">\n\t\t\t<header class=\"post-title entry-header\">\n\t\t\t\t<aside class=\"post-meta cf\">\n\t\t25\/08\/2025 \/ <a href=\"https:\/\/www.psib-psoe.org\/mallorca\/category\/federacio-de-mallorca\/\" rel=\"category tag\">Federaci\u00f3 de Mallorca<\/a><\/aside>\n\t\t\t\t<h3 itemprop=\"headline\"><a href=\"https:\/\/www.psib-psoe.org\/mallorca\/el-psib-psoe-acusa-el-govern-de-silenciar-el-problema-de-sequera-al-pla-de-mallorca-i-demana-mesures-urgents-per-palliar-la\/\" title=\"El PSIB-PSOE acusa el Govern de silenciar el problema de sequera al pla de Mallorca i demana mesures urgents per pal\u00b7liar-la\">El PSIB-PSOE acusa el Govern de silenciar el problema de sequera al pla de Mallorca i demana mesures urgents per pal\u00b7liar-la<\/a><\/h3>\n\t\t\t<\/header>\n\t\t<\/div>\n\t\t<div class=\"post-content\">\n\t\t\t<a href=\"https:\/\/www.psib-psoe.org\/mallorca\/el-psib-psoe-acusa-el-govern-de-silenciar-el-problema-de-sequera-al-pla-de-mallorca-i-demana-mesures-urgents-per-palliar-la\/\" class=\"more-link\">Read More<\/a>\n\t\t<\/div>\n\t\t\t<aside class=\"post-bottom-meta hide\">\n\t\t<strong rel=\"author\" itemprop=\"author\" class=\"author vcard\"><span class=\"fn\">adminpsib<\/span><\/strong>\n\t\t<time class=\"date published time\" datetime=\"2025-08-25T13:25:34+02:00\" itemprop=\"datePublished\" content=\"2025-08-25T13:25:34+02:00\">25\/08\/2025<\/time>\n\t\t<meta itemprop=\"dateModified\" class=\"date updated\" content=\"2025-08-25T13:25:34+02:00\">\n\t\t<span class=\"hide\" itemprop=\"publisher\" itemscope itemtype=\"https:\/\/schema.org\/Organization\">\n\t\t\t<meta itemprop=\"name\" content=\"SocialistesdMca\">\n\t\t\t<span itemprop=\"logo\" itemscope itemtype=\"https:\/\/schema.org\/ImageObject\">\n\t\t\t\t<meta itemprop=\"url\" content=\"https:\/\/www.psib-psoe.org\/mallorca\/wp-content\/themes\/notio-wp\/assets\/img\/logo.png\">\n\t\t\t<\/span>\n\t\t\t<meta itemprop=\"url\" content=\"https:\/\/www.psib-psoe.org\/mallorca\/\">\n\t\t<\/span>\n\t\t\t\t<span class=\"hide\" itemprop=\"image\" itemscope itemtype=\"http:\/\/schema.org\/ImageObject\">\n\t\t\t<meta itemprop=\"url\" content=\"https:\/\/www.psib-psoe.org\/mallorca\/wp-content\/uploads\/WhatsApp-Image-2025-08-25-at-12.22.34-1000x750-1.jpeg\">\n\t\t\t<meta itemprop=\"width\" content=\"1000\">\n\t\t\t<meta itemprop=\"height\" content=\"750\">\n\t\t<\/span>\n\t\t\t\t<meta itemscope itemprop=\"mainEntityOfPage\" itemtype=\"https:\/\/schema.org\/WebPage\" itemid=\"https:\/\/www.psib-psoe.org\/mallorca\/el-psib-psoe-acusa-el-govern-de-silenciar-el-problema-de-sequera-al-pla-de-mallorca-i-demana-mesures-urgents-per-palliar-la\/\">\n\t<\/aside>\n\t\t<\/article>\n<\/div>\n<div class=\"small-12 large-4 columns\">\n\t<article itemscope itemtype=\"http:\/\/schema.org\/Article\" class=\"post blog-style7 alt post-30246 type-post status-publish format-standard has-post-thumbnail hentry category-federacio-de-mallorca tag-federacio-socialista-de-mallorca\" role=\"article\">\n\t\t<figure class=\"post-gallery\"><img loading=\"lazy\" decoding=\"async\" width=\"600\" height=\"400\" src=\"https:\/\/www.psib-psoe.org\/mallorca\/wp-content\/uploads\/220825_Sofia-Alonso-1000x667-1-600x400.jpg\" class=\"attachment-notio-general-x2 size-notio-general-x2 wp-post-image\" alt=\"\" srcset=\"https:\/\/www.psib-psoe.org\/mallorca\/wp-content\/uploads\/220825_Sofia-Alonso-1000x667-1-600x400.jpg 600w, https:\/\/www.psib-psoe.org\/mallorca\/wp-content\/uploads\/220825_Sofia-Alonso-1000x667-1-300x200.jpg 300w, https:\/\/www.psib-psoe.org\/mallorca\/wp-content\/uploads\/220825_Sofia-Alonso-1000x667-1-768x512.jpg 768w, https:\/\/www.psib-psoe.org\/mallorca\/wp-content\/uploads\/220825_Sofia-Alonso-1000x667-1-150x100.jpg 150w, https:\/\/www.psib-psoe.org\/mallorca\/wp-content\/uploads\/220825_Sofia-Alonso-1000x667-1-900x600.jpg 900w, https:\/\/www.psib-psoe.org\/mallorca\/wp-content\/uploads\/220825_Sofia-Alonso-1000x667-1-20x13.jpg 20w, https:\/\/www.psib-psoe.org\/mallorca\/wp-content\/uploads\/220825_Sofia-Alonso-1000x667-1.jpg 1000w\" sizes=\"(max-width: 600px) 100vw, 600px\" \/><\/figure>\n\t\t<div class=\"blog-top\">\n\t\t\t<header class=\"post-title entry-header\">\n\t\t\t\t<aside class=\"post-meta cf\">\n\t\t22\/08\/2025 \/ <a href=\"https:\/\/www.psib-psoe.org\/mallorca\/category\/federacio-de-mallorca\/\" rel=\"category tag\">Federaci\u00f3 de Mallorca<\/a><\/aside>\n\t\t\t\t<h3 itemprop=\"headline\"><a href=\"https:\/\/www.psib-psoe.org\/mallorca\/el-psib-psoe-exigeix-al-pp-un-tracte-digne-i-humanitari-a-les-persones-migrants-i-que-deixi-de-conforntar-i-fer-politica-bruta\/\" title=\"El PSIB-PSOE exigeix al PP un \u201ctracte digne i humanitari\u201d a les persones migrants i que deixi de conforntar i fer pol\u00edtica bruta\">El PSIB-PSOE exigeix al PP un \u201ctracte digne i humanitari\u201d a les persones migrants i que deixi de conforntar i fer pol\u00edtica bruta<\/a><\/h3>\n\t\t\t<\/header>\n\t\t<\/div>\n\t\t<div class=\"post-content\">\n\t\t\t<a href=\"https:\/\/www.psib-psoe.org\/mallorca\/el-psib-psoe-exigeix-al-pp-un-tracte-digne-i-humanitari-a-les-persones-migrants-i-que-deixi-de-conforntar-i-fer-politica-bruta\/\" class=\"more-link\">Read More<\/a>\n\t\t<\/div>\n\t\t\t<aside class=\"post-bottom-meta hide\">\n\t\t<strong rel=\"author\" itemprop=\"author\" class=\"author vcard\"><span class=\"fn\">adminpsib<\/span><\/strong>\n\t\t<time class=\"date published time\" datetime=\"2025-08-22T14:51:43+02:00\" itemprop=\"datePublished\" content=\"2025-08-22T14:51:43+02:00\">22\/08\/2025<\/time>\n\t\t<meta itemprop=\"dateModified\" class=\"date updated\" content=\"2025-08-22T14:51:43+02:00\">\n\t\t<span class=\"hide\" itemprop=\"publisher\" itemscope itemtype=\"https:\/\/schema.org\/Organization\">\n\t\t\t<meta itemprop=\"name\" content=\"SocialistesdMca\">\n\t\t\t<span itemprop=\"logo\" itemscope itemtype=\"https:\/\/schema.org\/ImageObject\">\n\t\t\t\t<meta itemprop=\"url\" content=\"https:\/\/www.psib-psoe.org\/mallorca\/wp-content\/themes\/notio-wp\/assets\/img\/logo.png\">\n\t\t\t<\/span>\n\t\t\t<meta itemprop=\"url\" content=\"https:\/\/www.psib-psoe.org\/mallorca\/\">\n\t\t<\/span>\n\t\t\t\t<span class=\"hide\" itemprop=\"image\" itemscope itemtype=\"http:\/\/schema.org\/ImageObject\">\n\t\t\t<meta itemprop=\"url\" content=\"https:\/\/www.psib-psoe.org\/mallorca\/wp-content\/uploads\/220825_Sofia-Alonso-1000x667-1.jpg\">\n\t\t\t<meta itemprop=\"width\" content=\"1000\">\n\t\t\t<meta itemprop=\"height\" content=\"667\">\n\t\t<\/span>\n\t\t\t\t<meta itemscope itemprop=\"mainEntityOfPage\" itemtype=\"https:\/\/schema.org\/WebPage\" itemid=\"https:\/\/www.psib-psoe.org\/mallorca\/el-psib-psoe-exigeix-al-pp-un-tracte-digne-i-humanitari-a-les-persones-migrants-i-que-deixi-de-conforntar-i-fer-politica-bruta\/\">\n\t<\/aside>\n\t\t<\/article>\n<\/div>\n<div class=\"small-12 large-4 columns\">\n\t<article itemscope itemtype=\"http:\/\/schema.org\/Article\" class=\"post blog-style7 alt post-30242 type-post status-publish format-standard has-post-thumbnail hentry category-federacio-de-mallorca category-federacio-de-mallorca-portada category-portada tag-andreu-serra tag-consell-de-mallorca tag-federacio-socialista-de-mallorca tag-psib-psoe\" role=\"article\">\n\t\t<figure class=\"post-gallery\"><img loading=\"lazy\" decoding=\"async\" width=\"600\" height=\"400\" src=\"https:\/\/www.psib-psoe.org\/mallorca\/wp-content\/uploads\/Executiva-PSIB-Mallorca-Andreu-Serra-600x400.jpg\" class=\"attachment-notio-general-x2 size-notio-general-x2 wp-post-image\" alt=\"\" srcset=\"https:\/\/www.psib-psoe.org\/mallorca\/wp-content\/uploads\/Executiva-PSIB-Mallorca-Andreu-Serra-600x400.jpg 600w, https:\/\/www.psib-psoe.org\/mallorca\/wp-content\/uploads\/Executiva-PSIB-Mallorca-Andreu-Serra-300x200.jpg 300w, https:\/\/www.psib-psoe.org\/mallorca\/wp-content\/uploads\/Executiva-PSIB-Mallorca-Andreu-Serra-1024x683.jpg 1024w, https:\/\/www.psib-psoe.org\/mallorca\/wp-content\/uploads\/Executiva-PSIB-Mallorca-Andreu-Serra-768x512.jpg 768w, https:\/\/www.psib-psoe.org\/mallorca\/wp-content\/uploads\/Executiva-PSIB-Mallorca-Andreu-Serra-1536x1024.jpg 1536w, https:\/\/www.psib-psoe.org\/mallorca\/wp-content\/uploads\/Executiva-PSIB-Mallorca-Andreu-Serra-2048x1365.jpg 2048w, https:\/\/www.psib-psoe.org\/mallorca\/wp-content\/uploads\/Executiva-PSIB-Mallorca-Andreu-Serra-150x100.jpg 150w, https:\/\/www.psib-psoe.org\/mallorca\/wp-content\/uploads\/Executiva-PSIB-Mallorca-Andreu-Serra-900x600.jpg 900w, https:\/\/www.psib-psoe.org\/mallorca\/wp-content\/uploads\/Executiva-PSIB-Mallorca-Andreu-Serra-20x13.jpg 20w\" sizes=\"(max-width: 600px) 100vw, 600px\" \/><\/figure>\n\t\t<div class=\"blog-top\">\n\t\t\t<header class=\"post-title entry-header\">\n\t\t\t\t<aside class=\"post-meta cf\">\n\t\t22\/08\/2025 \/ <a href=\"https:\/\/www.psib-psoe.org\/mallorca\/category\/federacio-de-mallorca\/\" rel=\"category tag\">Federaci\u00f3 de Mallorca<\/a>, <a href=\"https:\/\/www.psib-psoe.org\/mallorca\/category\/federacio-de-mallorca-portada\/\" rel=\"category tag\">Federaci\u00f3 de Mallorca - Portada<\/a>, <a href=\"https:\/\/www.psib-psoe.org\/mallorca\/category\/portada\/\" rel=\"category tag\">Portada<\/a><\/aside>\n\t\t\t\t<h3 itemprop=\"headline\"><a href=\"https:\/\/www.psib-psoe.org\/mallorca\/el-grup-socialista-lamenta-que-el-govern-del-consell-de-mallorca-hagi-perdut-una-oportunitat-per-reduir-el-nombre-de-places-turistiques\/\" title=\"El Grup Socialista lamenta que el govern del Consell de Mallorca hagi perdut una oportunitat per reduir el nombre de places tur\u00edstiques\">El Grup Socialista lamenta que el govern del Consell de Mallorca hagi perdut una oportunitat per reduir el nombre de places tur\u00edstiques<\/a><\/h3>\n\t\t\t<\/header>\n\t\t<\/div>\n\t\t<div class=\"post-content\">\n\t\t\t<a href=\"https:\/\/www.psib-psoe.org\/mallorca\/el-grup-socialista-lamenta-que-el-govern-del-consell-de-mallorca-hagi-perdut-una-oportunitat-per-reduir-el-nombre-de-places-turistiques\/\" class=\"more-link\">Read More<\/a>\n\t\t<\/div>\n\t\t\t<aside class=\"post-bottom-meta hide\">\n\t\t<strong rel=\"author\" itemprop=\"author\" class=\"author vcard\"><span class=\"fn\">Marc<\/span><\/strong>\n\t\t<time class=\"date published time\" datetime=\"2025-08-22T14:45:21+02:00\" itemprop=\"datePublished\" content=\"2025-08-22T14:45:21+02:00\">22\/08\/2025<\/time>\n\t\t<meta itemprop=\"dateModified\" class=\"date updated\" content=\"2025-08-22T14:45:33+02:00\">\n\t\t<span class=\"hide\" itemprop=\"publisher\" itemscope itemtype=\"https:\/\/schema.org\/Organization\">\n\t\t\t<meta itemprop=\"name\" content=\"SocialistesdMca\">\n\t\t\t<span itemprop=\"logo\" itemscope itemtype=\"https:\/\/schema.org\/ImageObject\">\n\t\t\t\t<meta itemprop=\"url\" content=\"https:\/\/www.psib-psoe.org\/mallorca\/wp-content\/themes\/notio-wp\/assets\/img\/logo.png\">\n\t\t\t<\/span>\n\t\t\t<meta itemprop=\"url\" content=\"https:\/\/www.psib-psoe.org\/mallorca\/\">\n\t\t<\/span>\n\t\t\t\t<span class=\"hide\" itemprop=\"image\" itemscope itemtype=\"http:\/\/schema.org\/ImageObject\">\n\t\t\t<meta itemprop=\"url\" content=\"https:\/\/www.psib-psoe.org\/mallorca\/wp-content\/uploads\/Executiva-PSIB-Mallorca-Andreu-Serra-scaled.jpg\">\n\t\t\t<meta itemprop=\"width\" content=\"2560\">\n\t\t\t<meta itemprop=\"height\" content=\"1707\">\n\t\t<\/span>\n\t\t\t\t<meta itemscope itemprop=\"mainEntityOfPage\" itemtype=\"https:\/\/schema.org\/WebPage\" itemid=\"https:\/\/www.psib-psoe.org\/mallorca\/el-grup-socialista-lamenta-que-el-govern-del-consell-de-mallorca-hagi-perdut-una-oportunitat-per-reduir-el-nombre-de-places-turistiques\/\">\n\t<\/aside>\n\t\t<\/article>\n<\/div>\n<div class=\"small-12 large-4 columns\">\n\t<article itemscope itemtype=\"http:\/\/schema.org\/Article\" class=\"post blog-style7 alt post-30239 type-post status-publish format-standard has-post-thumbnail hentry category-federacio-de-mallorca category-federacio-de-mallorca-portada category-portada tag-federacio-socialista-de-mallorca tag-juana-m-adrover tag-psib-psoe\" role=\"article\">\n\t\t<figure class=\"post-gallery\"><img loading=\"lazy\" decoding=\"async\" width=\"600\" height=\"400\" src=\"https:\/\/www.psib-psoe.org\/mallorca\/wp-content\/uploads\/190825-Foto-arxiu-Sofia-Alonso-600x400.jpg\" class=\"attachment-notio-general-x2 size-notio-general-x2 wp-post-image\" alt=\"\" srcset=\"https:\/\/www.psib-psoe.org\/mallorca\/wp-content\/uploads\/190825-Foto-arxiu-Sofia-Alonso-600x400.jpg 600w, https:\/\/www.psib-psoe.org\/mallorca\/wp-content\/uploads\/190825-Foto-arxiu-Sofia-Alonso-300x200.jpg 300w, https:\/\/www.psib-psoe.org\/mallorca\/wp-content\/uploads\/190825-Foto-arxiu-Sofia-Alonso-900x600.jpg 900w, https:\/\/www.psib-psoe.org\/mallorca\/wp-content\/uploads\/190825-Foto-arxiu-Sofia-Alonso-20x13.jpg 20w\" sizes=\"(max-width: 600px) 100vw, 600px\" \/><\/figure>\n\t\t<div class=\"blog-top\">\n\t\t\t<header class=\"post-title entry-header\">\n\t\t\t\t<aside class=\"post-meta cf\">\n\t\t19\/08\/2025 \/ <a href=\"https:\/\/www.psib-psoe.org\/mallorca\/category\/federacio-de-mallorca\/\" rel=\"category tag\">Federaci\u00f3 de Mallorca<\/a>, <a href=\"https:\/\/www.psib-psoe.org\/mallorca\/category\/federacio-de-mallorca-portada\/\" rel=\"category tag\">Federaci\u00f3 de Mallorca - Portada<\/a>, <a href=\"https:\/\/www.psib-psoe.org\/mallorca\/category\/portada\/\" rel=\"category tag\">Portada<\/a><\/aside>\n\t\t\t\t<h3 itemprop=\"headline\"><a href=\"https:\/\/www.psib-psoe.org\/mallorca\/el-psib-psoe-critica-la-falta-dhumanitat-per-part-del-govern-del-pp-i-vox-al-consell-de-mallorca-davant-larribada-de-menors-migrants-i-exigeix-planificacio-i-responsabilitat-instituc\/\" title=\"El PSIB-PSOE critica la falta d\u2019humanitat per part del govern del PP i Vox al Consell de Mallorca davant l\u2019arribada de menors migrants i exigeix planificaci\u00f3 i responsabilitat institucional\">El PSIB-PSOE critica la falta d\u2019humanitat per part del govern del PP i Vox al Consell de Mallorca davant l\u2019arribada de menors migrants i exigeix planificaci\u00f3 i responsabilitat institucional<\/a><\/h3>\n\t\t\t<\/header>\n\t\t<\/div>\n\t\t<div class=\"post-content\">\n\t\t\t<a href=\"https:\/\/www.psib-psoe.org\/mallorca\/el-psib-psoe-critica-la-falta-dhumanitat-per-part-del-govern-del-pp-i-vox-al-consell-de-mallorca-davant-larribada-de-menors-migrants-i-exigeix-planificacio-i-responsabilitat-instituc\/\" class=\"more-link\">Read More<\/a>\n\t\t<\/div>\n\t\t\t<aside class=\"post-bottom-meta hide\">\n\t\t<strong rel=\"author\" itemprop=\"author\" class=\"author vcard\"><span class=\"fn\">Marc<\/span><\/strong>\n\t\t<time class=\"date published time\" datetime=\"2025-08-19T14:11:35+02:00\" itemprop=\"datePublished\" content=\"2025-08-19T14:11:35+02:00\">19\/08\/2025<\/time>\n\t\t<meta itemprop=\"dateModified\" class=\"date updated\" content=\"2025-08-19T14:11:47+02:00\">\n\t\t<span class=\"hide\" itemprop=\"publisher\" itemscope itemtype=\"https:\/\/schema.org\/Organization\">\n\t\t\t<meta itemprop=\"name\" content=\"SocialistesdMca\">\n\t\t\t<span itemprop=\"logo\" itemscope itemtype=\"https:\/\/schema.org\/ImageObject\">\n\t\t\t\t<meta itemprop=\"url\" content=\"https:\/\/www.psib-psoe.org\/mallorca\/wp-content\/themes\/notio-wp\/assets\/img\/logo.png\">\n\t\t\t<\/span>\n\t\t\t<meta itemprop=\"url\" content=\"https:\/\/www.psib-psoe.org\/mallorca\/\">\n\t\t<\/span>\n\t\t\t\t<span class=\"hide\" itemprop=\"image\" itemscope itemtype=\"http:\/\/schema.org\/ImageObject\">\n\t\t\t<meta itemprop=\"url\" content=\"https:\/\/www.psib-psoe.org\/mallorca\/wp-content\/uploads\/190825-Foto-arxiu-Sofia-Alonso-scaled.jpg\">\n\t\t\t<meta itemprop=\"width\" content=\"2560\">\n\t\t\t<meta itemprop=\"height\" content=\"2188\">\n\t\t<\/span>\n\t\t\t\t<meta itemscope itemprop=\"mainEntityOfPage\" itemtype=\"https:\/\/schema.org\/WebPage\" itemid=\"https:\/\/www.psib-psoe.org\/mallorca\/el-psib-psoe-critica-la-falta-dhumanitat-per-part-del-govern-del-pp-i-vox-al-consell-de-mallorca-davant-larribada-de-menors-migrants-i-exigeix-planificacio-i-responsabilitat-instituc\/\">\n\t<\/aside>\n\t\t<\/article>\n<\/div>\n<div class=\"small-12 large-4 columns\">\n\t<article itemscope itemtype=\"http:\/\/schema.org\/Article\" class=\"post blog-style7 alt post-30235 type-post status-publish format-standard has-post-thumbnail hentry category-federacio-de-mallorca category-federacio-de-mallorca-portada category-portada tag-federacio-socialista-de-mallorca tag-juana-m-adrover tag-psib-psoe\" role=\"article\">\n\t\t<figure class=\"post-gallery\"><img loading=\"lazy\" decoding=\"async\" width=\"600\" height=\"400\" src=\"https:\/\/www.psib-psoe.org\/mallorca\/wp-content\/uploads\/Joana-Maria-Adrover-600x400.jpg\" class=\"attachment-notio-general-x2 size-notio-general-x2 wp-post-image\" alt=\"\" srcset=\"https:\/\/www.psib-psoe.org\/mallorca\/wp-content\/uploads\/Joana-Maria-Adrover-600x400.jpg 600w, https:\/\/www.psib-psoe.org\/mallorca\/wp-content\/uploads\/Joana-Maria-Adrover-300x200.jpg 300w, https:\/\/www.psib-psoe.org\/mallorca\/wp-content\/uploads\/Joana-Maria-Adrover-900x600.jpg 900w, https:\/\/www.psib-psoe.org\/mallorca\/wp-content\/uploads\/Joana-Maria-Adrover-20x13.jpg 20w\" sizes=\"(max-width: 600px) 100vw, 600px\" \/><\/figure>\n\t\t<div class=\"blog-top\">\n\t\t\t<header class=\"post-title entry-header\">\n\t\t\t\t<aside class=\"post-meta cf\">\n\t\t18\/08\/2025 \/ <a href=\"https:\/\/www.psib-psoe.org\/mallorca\/category\/federacio-de-mallorca\/\" rel=\"category tag\">Federaci\u00f3 de Mallorca<\/a>, <a href=\"https:\/\/www.psib-psoe.org\/mallorca\/category\/federacio-de-mallorca-portada\/\" rel=\"category tag\">Federaci\u00f3 de Mallorca - Portada<\/a>, <a href=\"https:\/\/www.psib-psoe.org\/mallorca\/category\/portada\/\" rel=\"category tag\">Portada<\/a><\/aside>\n\t\t\t\t<h3 itemprop=\"headline\"><a href=\"https:\/\/www.psib-psoe.org\/mallorca\/el-grup-socialista-reclama-major-compromis-al-consell-de-mallorca-per-combatre-el-canvi-climatic\/\" title=\"El Grup Socialista reclama major comprom\u00eds al Consell de Mallorca per combatre el canvi clim\u00e0tic\">El Grup Socialista reclama major comprom\u00eds al Consell de Mallorca per combatre el canvi clim\u00e0tic<\/a><\/h3>\n\t\t\t<\/header>\n\t\t<\/div>\n\t\t<div class=\"post-content\">\n\t\t\t<a href=\"https:\/\/www.psib-psoe.org\/mallorca\/el-grup-socialista-reclama-major-compromis-al-consell-de-mallorca-per-combatre-el-canvi-climatic\/\" class=\"more-link\">Read More<\/a>\n\t\t<\/div>\n\t\t\t<aside class=\"post-bottom-meta hide\">\n\t\t<strong rel=\"author\" itemprop=\"author\" class=\"author vcard\"><span class=\"fn\">Marc<\/span><\/strong>\n\t\t<time class=\"date published time\" datetime=\"2025-08-18T13:17:04+02:00\" itemprop=\"datePublished\" content=\"2025-08-18T13:17:04+02:00\">18\/08\/2025<\/time>\n\t\t<meta itemprop=\"dateModified\" class=\"date updated\" content=\"2025-08-18T13:17:16+02:00\">\n\t\t<span class=\"hide\" itemprop=\"publisher\" itemscope itemtype=\"https:\/\/schema.org\/Organization\">\n\t\t\t<meta itemprop=\"name\" content=\"SocialistesdMca\">\n\t\t\t<span itemprop=\"logo\" itemscope itemtype=\"https:\/\/schema.org\/ImageObject\">\n\t\t\t\t<meta itemprop=\"url\" content=\"https:\/\/www.psib-psoe.org\/mallorca\/wp-content\/themes\/notio-wp\/assets\/img\/logo.png\">\n\t\t\t<\/span>\n\t\t\t<meta itemprop=\"url\" content=\"https:\/\/www.psib-psoe.org\/mallorca\/\">\n\t\t<\/span>\n\t\t\t\t<span class=\"hide\" itemprop=\"image\" itemscope itemtype=\"http:\/\/schema.org\/ImageObject\">\n\t\t\t<meta itemprop=\"url\" content=\"https:\/\/www.psib-psoe.org\/mallorca\/wp-content\/uploads\/Joana-Maria-Adrover.jpg\">\n\t\t\t<meta itemprop=\"width\" content=\"1066\">\n\t\t\t<meta itemprop=\"height\" content=\"1600\">\n\t\t<\/span>\n\t\t\t\t<meta itemscope itemprop=\"mainEntityOfPage\" itemtype=\"https:\/\/schema.org\/WebPage\" itemid=\"https:\/\/www.psib-psoe.org\/mallorca\/el-grup-socialista-reclama-major-compromis-al-consell-de-mallorca-per-combatre-el-canvi-climatic\/\">\n\t<\/aside>\n\t\t<\/article>\n<\/div>\n<div class=\"small-12 large-4 columns\">\n\t<article itemscope itemtype=\"http:\/\/schema.org\/Article\" class=\"post blog-style7 alt post-30230 type-post status-publish format-standard has-post-thumbnail hentry category-federacio-de-mallorca category-federacio-de-mallorca-portada category-municipis category-portada tag-agrupacio-socialista-de-felanitx tag-federacio-socialista-de-mallorca tag-felanitx tag-juana-m-adrover tag-maria-gracia-gonzalez tag-mercedes-garrido tag-psib-psoe tag-xisco-duarte\" role=\"article\">\n\t\t<figure class=\"post-gallery\"><img loading=\"lazy\" decoding=\"async\" width=\"600\" height=\"400\" src=\"https:\/\/www.psib-psoe.org\/mallorca\/wp-content\/uploads\/Gracia-ple-600x400.jpeg\" class=\"attachment-notio-general-x2 size-notio-general-x2 wp-post-image\" alt=\"\" srcset=\"https:\/\/www.psib-psoe.org\/mallorca\/wp-content\/uploads\/Gracia-ple-600x400.jpeg 600w, https:\/\/www.psib-psoe.org\/mallorca\/wp-content\/uploads\/Gracia-ple-300x200.jpeg 300w, https:\/\/www.psib-psoe.org\/mallorca\/wp-content\/uploads\/Gracia-ple-900x600.jpeg 900w, https:\/\/www.psib-psoe.org\/mallorca\/wp-content\/uploads\/Gracia-ple-20x13.jpeg 20w\" sizes=\"(max-width: 600px) 100vw, 600px\" \/><\/figure>\n\t\t<div class=\"blog-top\">\n\t\t\t<header class=\"post-title entry-header\">\n\t\t\t\t<aside class=\"post-meta cf\">\n\t\t14\/08\/2025 \/ <a href=\"https:\/\/www.psib-psoe.org\/mallorca\/category\/federacio-de-mallorca\/\" rel=\"category tag\">Federaci\u00f3 de Mallorca<\/a>, <a href=\"https:\/\/www.psib-psoe.org\/mallorca\/category\/federacio-de-mallorca-portada\/\" rel=\"category tag\">Federaci\u00f3 de Mallorca - Portada<\/a>, <a href=\"https:\/\/www.psib-psoe.org\/mallorca\/category\/municipis\/\" rel=\"category tag\">Municipis<\/a>, <a href=\"https:\/\/www.psib-psoe.org\/mallorca\/category\/portada\/\" rel=\"category tag\">Portada<\/a><\/aside>\n\t\t\t\t<h3 itemprop=\"headline\"><a href=\"https:\/\/www.psib-psoe.org\/mallorca\/la-batlessa-de-felanitx-catalina-soler-no-pot-negar-davant-del-ple-municipal-les-acusacions-de-coaccions-i-amenaces-que-li-atribueix-un-informe-de-la-policia-local-del-municipi\/\" title=\"La batlessa de Felanitx, Catalina Soler, no pot negar davant del ple municipal les acusacions de coaccions i amenaces que li atribueix un informe de la Policia Local del municipi.\">La batlessa de Felanitx, Catalina Soler, no pot negar davant del ple municipal les acusacions de coaccions i amenaces que li atribueix un informe de la Policia Local del municipi.<\/a><\/h3>\n\t\t\t<\/header>\n\t\t<\/div>\n\t\t<div class=\"post-content\">\n\t\t\t<a href=\"https:\/\/www.psib-psoe.org\/mallorca\/la-batlessa-de-felanitx-catalina-soler-no-pot-negar-davant-del-ple-municipal-les-acusacions-de-coaccions-i-amenaces-que-li-atribueix-un-informe-de-la-policia-local-del-municipi\/\" class=\"more-link\">Read More<\/a>\n\t\t<\/div>\n\t\t\t<aside class=\"post-bottom-meta hide\">\n\t\t<strong rel=\"author\" itemprop=\"author\" class=\"author vcard\"><span class=\"fn\">Albert<\/span><\/strong>\n\t\t<time class=\"date published time\" datetime=\"2025-08-14T13:12:51+02:00\" itemprop=\"datePublished\" content=\"2025-08-14T13:12:51+02:00\">14\/08\/2025<\/time>\n\t\t<meta itemprop=\"dateModified\" class=\"date updated\" content=\"2025-08-14T13:13:05+02:00\">\n\t\t<span class=\"hide\" itemprop=\"publisher\" itemscope itemtype=\"https:\/\/schema.org\/Organization\">\n\t\t\t<meta itemprop=\"name\" content=\"SocialistesdMca\">\n\t\t\t<span itemprop=\"logo\" itemscope itemtype=\"https:\/\/schema.org\/ImageObject\">\n\t\t\t\t<meta itemprop=\"url\" content=\"https:\/\/www.psib-psoe.org\/mallorca\/wp-content\/themes\/notio-wp\/assets\/img\/logo.png\">\n\t\t\t<\/span>\n\t\t\t<meta itemprop=\"url\" content=\"https:\/\/www.psib-psoe.org\/mallorca\/\">\n\t\t<\/span>\n\t\t\t\t<span class=\"hide\" itemprop=\"image\" itemscope itemtype=\"http:\/\/schema.org\/ImageObject\">\n\t\t\t<meta itemprop=\"url\" content=\"https:\/\/www.psib-psoe.org\/mallorca\/wp-content\/uploads\/Gracia-ple-scaled.jpeg\">\n\t\t\t<meta itemprop=\"width\" content=\"2560\">\n\t\t\t<meta itemprop=\"height\" content=\"1920\">\n\t\t<\/span>\n\t\t\t\t<meta itemscope itemprop=\"mainEntityOfPage\" itemtype=\"https:\/\/schema.org\/WebPage\" itemid=\"https:\/\/www.psib-psoe.org\/mallorca\/la-batlessa-de-felanitx-catalina-soler-no-pot-negar-davant-del-ple-municipal-les-acusacions-de-coaccions-i-amenaces-que-li-atribueix-un-informe-de-la-policia-local-del-municipi\/\">\n\t<\/aside>\n\t\t<\/article>\n<\/div>\n<div class=\"small-12 large-4 columns\">\n\t<article itemscope itemtype=\"http:\/\/schema.org\/Article\" class=\"post blog-style7 alt post-30227 type-post status-publish format-standard has-post-thumbnail hentry category-federacio-de-mallorca category-federacio-de-mallorca-portada category-municipis category-portada tag-agrupacio-socialista-de-felanitx tag-federacio-socialista-de-mallorca tag-felanitx tag-juana-m-adrover tag-maria-gracia-gonzalez tag-mercedes-garrido tag-psib-psoe tag-xisco-duarte\" role=\"article\">\n\t\t<figure class=\"post-gallery\"><img loading=\"lazy\" decoding=\"async\" width=\"600\" height=\"400\" src=\"https:\/\/www.psib-psoe.org\/mallorca\/wp-content\/uploads\/Executiva-2-600x400.jpeg\" class=\"attachment-notio-general-x2 size-notio-general-x2 wp-post-image\" alt=\"\" srcset=\"https:\/\/www.psib-psoe.org\/mallorca\/wp-content\/uploads\/Executiva-2-600x400.jpeg 600w, https:\/\/www.psib-psoe.org\/mallorca\/wp-content\/uploads\/Executiva-2-300x200.jpeg 300w, https:\/\/www.psib-psoe.org\/mallorca\/wp-content\/uploads\/Executiva-2-900x600.jpeg 900w, https:\/\/www.psib-psoe.org\/mallorca\/wp-content\/uploads\/Executiva-2-20x13.jpeg 20w\" sizes=\"(max-width: 600px) 100vw, 600px\" \/><\/figure>\n\t\t<div class=\"blog-top\">\n\t\t\t<header class=\"post-title entry-header\">\n\t\t\t\t<aside class=\"post-meta cf\">\n\t\t13\/08\/2025 \/ <a href=\"https:\/\/www.psib-psoe.org\/mallorca\/category\/federacio-de-mallorca\/\" rel=\"category tag\">Federaci\u00f3 de Mallorca<\/a>, <a href=\"https:\/\/www.psib-psoe.org\/mallorca\/category\/federacio-de-mallorca-portada\/\" rel=\"category tag\">Federaci\u00f3 de Mallorca - Portada<\/a>, <a href=\"https:\/\/www.psib-psoe.org\/mallorca\/category\/municipis\/\" rel=\"category tag\">Municipis<\/a>, <a href=\"https:\/\/www.psib-psoe.org\/mallorca\/category\/portada\/\" rel=\"category tag\">Portada<\/a><\/aside>\n\t\t\t\t<h3 itemprop=\"headline\"><a href=\"https:\/\/www.psib-psoe.org\/mallorca\/el-govern-de-prohens-preten-que-lajuntament-de-felanitx-amb-catalina-soler-com-a-batlessa-instrueixi-una-denuncia-dels-socialistes-de-felanitx-contra-catalina-soler-quan-era-regidora\/\" title=\"El Govern de Prohens pret\u00e9n que l\u2019Ajuntament de Felanitx amb Catalina Soler com a batlessa, instrueixi una den\u00fancia dels Socialistes de Felanitx contra Catalina Soler quan era regidora.\">El Govern de Prohens pret\u00e9n que l\u2019Ajuntament de Felanitx amb Catalina Soler com a batlessa, instrueixi una den\u00fancia dels Socialistes de Felanitx contra Catalina Soler quan era regidora.<\/a><\/h3>\n\t\t\t<\/header>\n\t\t<\/div>\n\t\t<div class=\"post-content\">\n\t\t\t<a href=\"https:\/\/www.psib-psoe.org\/mallorca\/el-govern-de-prohens-preten-que-lajuntament-de-felanitx-amb-catalina-soler-com-a-batlessa-instrueixi-una-denuncia-dels-socialistes-de-felanitx-contra-catalina-soler-quan-era-regidora\/\" class=\"more-link\">Read More<\/a>\n\t\t<\/div>\n\t\t\t<aside class=\"post-bottom-meta hide\">\n\t\t<strong rel=\"author\" itemprop=\"author\" class=\"author vcard\"><span class=\"fn\">Albert<\/span><\/strong>\n\t\t<time class=\"date published time\" datetime=\"2025-08-13T10:29:38+02:00\" itemprop=\"datePublished\" content=\"2025-08-13T10:29:38+02:00\">13\/08\/2025<\/time>\n\t\t<meta itemprop=\"dateModified\" class=\"date updated\" content=\"2025-08-13T10:29:50+02:00\">\n\t\t<span class=\"hide\" itemprop=\"publisher\" itemscope itemtype=\"https:\/\/schema.org\/Organization\">\n\t\t\t<meta itemprop=\"name\" content=\"SocialistesdMca\">\n\t\t\t<span itemprop=\"logo\" itemscope itemtype=\"https:\/\/schema.org\/ImageObject\">\n\t\t\t\t<meta itemprop=\"url\" content=\"https:\/\/www.psib-psoe.org\/mallorca\/wp-content\/themes\/notio-wp\/assets\/img\/logo.png\">\n\t\t\t<\/span>\n\t\t\t<meta itemprop=\"url\" content=\"https:\/\/www.psib-psoe.org\/mallorca\/\">\n\t\t<\/span>\n\t\t\t\t<span class=\"hide\" itemprop=\"image\" itemscope itemtype=\"http:\/\/schema.org\/ImageObject\">\n\t\t\t<meta itemprop=\"url\" content=\"https:\/\/www.psib-psoe.org\/mallorca\/wp-content\/uploads\/Executiva-2.jpeg\">\n\t\t\t<meta itemprop=\"width\" content=\"1600\">\n\t\t\t<meta itemprop=\"height\" content=\"1200\">\n\t\t<\/span>\n\t\t\t\t<meta itemscope itemprop=\"mainEntityOfPage\" itemtype=\"https:\/\/schema.org\/WebPage\" itemid=\"https:\/\/www.psib-psoe.org\/mallorca\/el-govern-de-prohens-preten-que-lajuntament-de-felanitx-amb-catalina-soler-com-a-batlessa-instrueixi-una-denuncia-dels-socialistes-de-felanitx-contra-catalina-soler-quan-era-regidora\/\">\n\t<\/aside>\n\t\t<\/article>\n<\/div>\n<div class=\"small-12 large-4 columns\">\n\t<article itemscope itemtype=\"http:\/\/schema.org\/Article\" class=\"post blog-style7 alt post-30224 type-post status-publish format-standard has-post-thumbnail hentry category-consell-de-mallorca category-federacio-de-mallorca category-federacio-de-mallorca-portada category-portada tag-amanda-fernandez tag-andreu-serra tag-ares-fernandez tag-bea-gamundi tag-biel-alomar tag-catalina-cladera tag-consell-de-mallorca tag-federacio-socialista-de-mallorca tag-jaume-mateu tag-javier-de-juan tag-joan-ferrer tag-juana-m-adrover tag-sofia-alonso\" role=\"article\">\n\t\t<figure class=\"post-gallery\"><img loading=\"lazy\" decoding=\"async\" width=\"600\" height=\"400\" src=\"https:\/\/www.psib-psoe.org\/mallorca\/wp-content\/uploads\/Andreu-trot-scaled-e1754995438886-600x400.jpeg\" class=\"attachment-notio-general-x2 size-notio-general-x2 wp-post-image\" alt=\"\" srcset=\"https:\/\/www.psib-psoe.org\/mallorca\/wp-content\/uploads\/Andreu-trot-scaled-e1754995438886-600x400.jpeg 600w, https:\/\/www.psib-psoe.org\/mallorca\/wp-content\/uploads\/Andreu-trot-scaled-e1754995438886-300x200.jpeg 300w, https:\/\/www.psib-psoe.org\/mallorca\/wp-content\/uploads\/Andreu-trot-scaled-e1754995438886-900x600.jpeg 900w, https:\/\/www.psib-psoe.org\/mallorca\/wp-content\/uploads\/Andreu-trot-scaled-e1754995438886-20x13.jpeg 20w\" sizes=\"(max-width: 600px) 100vw, 600px\" \/><\/figure>\n\t\t<div class=\"blog-top\">\n\t\t\t<header class=\"post-title entry-header\">\n\t\t\t\t<aside class=\"post-meta cf\">\n\t\t12\/08\/2025 \/ <a href=\"https:\/\/www.psib-psoe.org\/mallorca\/category\/consell-de-mallorca\/\" rel=\"category tag\">Consell de Mallorca<\/a>, <a href=\"https:\/\/www.psib-psoe.org\/mallorca\/category\/federacio-de-mallorca\/\" rel=\"category tag\">Federaci\u00f3 de Mallorca<\/a>, <a href=\"https:\/\/www.psib-psoe.org\/mallorca\/category\/federacio-de-mallorca-portada\/\" rel=\"category tag\">Federaci\u00f3 de Mallorca - Portada<\/a>, <a href=\"https:\/\/www.psib-psoe.org\/mallorca\/category\/portada\/\" rel=\"category tag\">Portada<\/a><\/aside>\n\t\t\t\t<h3 itemprop=\"headline\"><a href=\"https:\/\/www.psib-psoe.org\/mallorca\/el-grup-socialista-critica-que-el-desgavell-gestor-de-marcial-rodriguez-a-turisme-posa-en-dubte-el-polemic-proces-de-compra-de-500-places-turistiques-a-edificis-protegits-i-en-demana-explicacions\/\" title=\"El Grup Socialista critica que el desgavell gestor de Marcial Rodr\u00edguez a Turisme posa en dubte el pol\u00e8mic proc\u00e9s de compra de 500 places tur\u00edstiques a edificis protegits, i en demana explicacions.\">El Grup Socialista critica que el desgavell gestor de Marcial Rodr\u00edguez a Turisme posa en dubte el pol\u00e8mic proc\u00e9s de compra de 500 places tur\u00edstiques a edificis protegits, i en demana explicacions.<\/a><\/h3>\n\t\t\t<\/header>\n\t\t<\/div>\n\t\t<div class=\"post-content\">\n\t\t\t<a href=\"https:\/\/www.psib-psoe.org\/mallorca\/el-grup-socialista-critica-que-el-desgavell-gestor-de-marcial-rodriguez-a-turisme-posa-en-dubte-el-polemic-proces-de-compra-de-500-places-turistiques-a-edificis-protegits-i-en-demana-explicacions\/\" class=\"more-link\">Read More<\/a>\n\t\t<\/div>\n\t\t\t<aside class=\"post-bottom-meta hide\">\n\t\t<strong rel=\"author\" itemprop=\"author\" class=\"author vcard\"><span class=\"fn\">Albert<\/span><\/strong>\n\t\t<time class=\"date published time\" datetime=\"2025-08-12T12:48:51+02:00\" itemprop=\"datePublished\" content=\"2025-08-12T12:48:51+02:00\">12\/08\/2025<\/time>\n\t\t<meta itemprop=\"dateModified\" class=\"date updated\" content=\"2025-08-12T12:49:04+02:00\">\n\t\t<span class=\"hide\" itemprop=\"publisher\" itemscope itemtype=\"https:\/\/schema.org\/Organization\">\n\t\t\t<meta itemprop=\"name\" content=\"SocialistesdMca\">\n\t\t\t<span itemprop=\"logo\" itemscope itemtype=\"https:\/\/schema.org\/ImageObject\">\n\t\t\t\t<meta itemprop=\"url\" content=\"https:\/\/www.psib-psoe.org\/mallorca\/wp-content\/themes\/notio-wp\/assets\/img\/logo.png\">\n\t\t\t<\/span>\n\t\t\t<meta itemprop=\"url\" content=\"https:\/\/www.psib-psoe.org\/mallorca\/\">\n\t\t<\/span>\n\t\t\t\t<span class=\"hide\" itemprop=\"image\" itemscope itemtype=\"http:\/\/schema.org\/ImageObject\">\n\t\t\t<meta itemprop=\"url\" content=\"https:\/\/www.psib-psoe.org\/mallorca\/wp-content\/uploads\/Andreu-trot-scaled-e1754995438886.jpeg\">\n\t\t\t<meta itemprop=\"width\" content=\"1041\">\n\t\t\t<meta itemprop=\"height\" content=\"1275\">\n\t\t<\/span>\n\t\t\t\t<meta itemscope itemprop=\"mainEntityOfPage\" itemtype=\"https:\/\/schema.org\/WebPage\" itemid=\"https:\/\/www.psib-psoe.org\/mallorca\/el-grup-socialista-critica-que-el-desgavell-gestor-de-marcial-rodriguez-a-turisme-posa-en-dubte-el-polemic-proces-de-compra-de-500-places-turistiques-a-edificis-protegits-i-en-demana-explicacions\/\">\n\t<\/aside>\n\t\t<\/article>\n<\/div>\n<div class=\"small-12 large-4 columns\">\n\t<article itemscope itemtype=\"http:\/\/schema.org\/Article\" class=\"post blog-style7 alt post-30220 type-post status-publish format-standard has-post-thumbnail hentry category-consell-de-mallorca category-federacio-de-mallorca category-federacio-de-mallorca-portada category-portada tag-amanda-fernandez tag-andreu-serra tag-ares-fernandez tag-bea-gamundi tag-biel-alomar tag-catalina-cladera tag-consell-de-mallorca tag-federacio-socialista-de-mallorca tag-jaume-mateu tag-javier-de-juan tag-joan-ferrer tag-juana-m-adrover tag-sofia-alonso\" role=\"article\">\n\t\t<figure class=\"post-gallery\"><img loading=\"lazy\" decoding=\"async\" width=\"600\" height=\"400\" src=\"https:\/\/www.psib-psoe.org\/mallorca\/wp-content\/uploads\/Sofia-1-600x400.jpg\" class=\"attachment-notio-general-x2 size-notio-general-x2 wp-post-image\" alt=\"\" srcset=\"https:\/\/www.psib-psoe.org\/mallorca\/wp-content\/uploads\/Sofia-1-600x400.jpg 600w, https:\/\/www.psib-psoe.org\/mallorca\/wp-content\/uploads\/Sofia-1-300x200.jpg 300w, https:\/\/www.psib-psoe.org\/mallorca\/wp-content\/uploads\/Sofia-1-900x600.jpg 900w, https:\/\/www.psib-psoe.org\/mallorca\/wp-content\/uploads\/Sofia-1-20x13.jpg 20w\" sizes=\"(max-width: 600px) 100vw, 600px\" \/><\/figure>\n\t\t<div class=\"blog-top\">\n\t\t\t<header class=\"post-title entry-header\">\n\t\t\t\t<aside class=\"post-meta cf\">\n\t\t11\/08\/2025 \/ <a href=\"https:\/\/www.psib-psoe.org\/mallorca\/category\/consell-de-mallorca\/\" rel=\"category tag\">Consell de Mallorca<\/a>, <a href=\"https:\/\/www.psib-psoe.org\/mallorca\/category\/federacio-de-mallorca\/\" rel=\"category tag\">Federaci\u00f3 de Mallorca<\/a>, <a href=\"https:\/\/www.psib-psoe.org\/mallorca\/category\/federacio-de-mallorca-portada\/\" rel=\"category tag\">Federaci\u00f3 de Mallorca - Portada<\/a>, <a href=\"https:\/\/www.psib-psoe.org\/mallorca\/category\/portada\/\" rel=\"category tag\">Portada<\/a><\/aside>\n\t\t\t\t<h3 itemprop=\"headline\"><a href=\"https:\/\/www.psib-psoe.org\/mallorca\/les-residencies-de-gent-gran-de-gestio-municipal-segueixen-ofegades-per-la-manca-de-gestio-de-guillermo-sanchez-al-capdavant-de-limas\/\" title=\"Les resid\u00e8ncies de gent gran de gesti\u00f3 municipal segueixen ofegades per la manca de gesti\u00f3 de Guillermo S\u00e1nchez al capdavant de l\u2019IMAS.\">Les resid\u00e8ncies de gent gran de gesti\u00f3 municipal segueixen ofegades per la manca de gesti\u00f3 de Guillermo S\u00e1nchez al capdavant de l\u2019IMAS.<\/a><\/h3>\n\t\t\t<\/header>\n\t\t<\/div>\n\t\t<div class=\"post-content\">\n\t\t\t<a href=\"https:\/\/www.psib-psoe.org\/mallorca\/les-residencies-de-gent-gran-de-gestio-municipal-segueixen-ofegades-per-la-manca-de-gestio-de-guillermo-sanchez-al-capdavant-de-limas\/\" class=\"more-link\">Read More<\/a>\n\t\t<\/div>\n\t\t\t<aside class=\"post-bottom-meta hide\">\n\t\t<strong rel=\"author\" itemprop=\"author\" class=\"author vcard\"><span class=\"fn\">Albert<\/span><\/strong>\n\t\t<time class=\"date published time\" datetime=\"2025-08-11T12:11:52+02:00\" itemprop=\"datePublished\" content=\"2025-08-11T12:11:52+02:00\">11\/08\/2025<\/time>\n\t\t<meta itemprop=\"dateModified\" class=\"date updated\" content=\"2025-08-11T12:12:04+02:00\">\n\t\t<span class=\"hide\" itemprop=\"publisher\" itemscope itemtype=\"https:\/\/schema.org\/Organization\">\n\t\t\t<meta itemprop=\"name\" content=\"SocialistesdMca\">\n\t\t\t<span itemprop=\"logo\" itemscope itemtype=\"https:\/\/schema.org\/ImageObject\">\n\t\t\t\t<meta itemprop=\"url\" content=\"https:\/\/www.psib-psoe.org\/mallorca\/wp-content\/themes\/notio-wp\/assets\/img\/logo.png\">\n\t\t\t<\/span>\n\t\t\t<meta itemprop=\"url\" content=\"https:\/\/www.psib-psoe.org\/mallorca\/\">\n\t\t<\/span>\n\t\t\t\t<span class=\"hide\" itemprop=\"image\" itemscope itemtype=\"http:\/\/schema.org\/ImageObject\">\n\t\t\t<meta itemprop=\"url\" content=\"https:\/\/www.psib-psoe.org\/mallorca\/wp-content\/uploads\/Sofia-1.jpg\">\n\t\t\t<meta itemprop=\"width\" content=\"1536\">\n\t\t\t<meta itemprop=\"height\" content=\"2048\">\n\t\t<\/span>\n\t\t\t\t<meta itemscope itemprop=\"mainEntityOfPage\" itemtype=\"https:\/\/schema.org\/WebPage\" itemid=\"https:\/\/www.psib-psoe.org\/mallorca\/les-residencies-de-gent-gran-de-gestio-municipal-segueixen-ofegades-per-la-manca-de-gestio-de-guillermo-sanchez-al-capdavant-de-limas\/\">\n\t<\/aside>\n\t\t<\/article>\n<\/div>\n<div class=\"small-12 large-4 columns\">\n\t<article itemscope itemtype=\"http:\/\/schema.org\/Article\" class=\"post blog-style7 alt post-30216 type-post status-publish format-standard has-post-thumbnail hentry category-federacio-de-mallorca category-federacio-de-mallorca-portada category-municipis category-portada tag-agrupacio-socialista-dalcudia tag-agui-lobo tag-amanda-fernandez tag-barbara-rebassa tag-federacio-socialista-de-mallorca tag-joan-gaspar-vallori\" role=\"article\">\n\t\t<figure class=\"post-gallery\"><img loading=\"lazy\" decoding=\"async\" width=\"600\" height=\"400\" src=\"https:\/\/www.psib-psoe.org\/mallorca\/wp-content\/uploads\/Ple-pressupostos-600x400.jpeg\" class=\"attachment-notio-general-x2 size-notio-general-x2 wp-post-image\" alt=\"\" srcset=\"https:\/\/www.psib-psoe.org\/mallorca\/wp-content\/uploads\/Ple-pressupostos-600x400.jpeg 600w, https:\/\/www.psib-psoe.org\/mallorca\/wp-content\/uploads\/Ple-pressupostos-300x200.jpeg 300w, https:\/\/www.psib-psoe.org\/mallorca\/wp-content\/uploads\/Ple-pressupostos-900x600.jpeg 900w, https:\/\/www.psib-psoe.org\/mallorca\/wp-content\/uploads\/Ple-pressupostos-20x13.jpeg 20w\" sizes=\"(max-width: 600px) 100vw, 600px\" \/><\/figure>\n\t\t<div class=\"blog-top\">\n\t\t\t<header class=\"post-title entry-header\">\n\t\t\t\t<aside class=\"post-meta cf\">\n\t\t11\/08\/2025 \/ <a href=\"https:\/\/www.psib-psoe.org\/mallorca\/category\/federacio-de-mallorca\/\" rel=\"category tag\">Federaci\u00f3 de Mallorca<\/a>, <a href=\"https:\/\/www.psib-psoe.org\/mallorca\/category\/federacio-de-mallorca-portada\/\" rel=\"category tag\">Federaci\u00f3 de Mallorca - Portada<\/a>, <a href=\"https:\/\/www.psib-psoe.org\/mallorca\/category\/municipis\/\" rel=\"category tag\">Municipis<\/a>, <a href=\"https:\/\/www.psib-psoe.org\/mallorca\/category\/portada\/\" rel=\"category tag\">Portada<\/a><\/aside>\n\t\t\t\t<h3 itemprop=\"headline\"><a href=\"https:\/\/www.psib-psoe.org\/mallorca\/lajuntament-dalcudia-fomenta-i-empara-el-sexisme-i-el-masclisme-ranci-en-una-activitat-teatral-contractada-per-les-festes-de-sant-jaume-inclosa-al-programa-oficial-de-festes\/\" title=\"L&#8217;Ajuntament d&#8217;Alc\u00fadia fomenta i empara el sexisme i el masclisme ranci en una activitat teatral contractada per les festes de Sant Jaume, inclosa al programa oficial de festes.\">L&#8217;Ajuntament d&#8217;Alc\u00fadia fomenta i empara el sexisme i el masclisme ranci en una activitat teatral contractada per les festes de Sant Jaume, inclosa al programa oficial de festes.<\/a><\/h3>\n\t\t\t<\/header>\n\t\t<\/div>\n\t\t<div class=\"post-content\">\n\t\t\t<a href=\"https:\/\/www.psib-psoe.org\/mallorca\/lajuntament-dalcudia-fomenta-i-empara-el-sexisme-i-el-masclisme-ranci-en-una-activitat-teatral-contractada-per-les-festes-de-sant-jaume-inclosa-al-programa-oficial-de-festes\/\" class=\"more-link\">Read More<\/a>\n\t\t<\/div>\n\t\t\t<aside class=\"post-bottom-meta hide\">\n\t\t<strong rel=\"author\" itemprop=\"author\" class=\"author vcard\"><span class=\"fn\">Albert<\/span><\/strong>\n\t\t<time class=\"date published time\" datetime=\"2025-08-11T09:42:57+02:00\" itemprop=\"datePublished\" content=\"2025-08-11T09:42:57+02:00\">11\/08\/2025<\/time>\n\t\t<meta itemprop=\"dateModified\" class=\"date updated\" content=\"2025-08-11T09:43:08+02:00\">\n\t\t<span class=\"hide\" itemprop=\"publisher\" itemscope itemtype=\"https:\/\/schema.org\/Organization\">\n\t\t\t<meta itemprop=\"name\" content=\"SocialistesdMca\">\n\t\t\t<span itemprop=\"logo\" itemscope itemtype=\"https:\/\/schema.org\/ImageObject\">\n\t\t\t\t<meta itemprop=\"url\" content=\"https:\/\/www.psib-psoe.org\/mallorca\/wp-content\/themes\/notio-wp\/assets\/img\/logo.png\">\n\t\t\t<\/span>\n\t\t\t<meta itemprop=\"url\" content=\"https:\/\/www.psib-psoe.org\/mallorca\/\">\n\t\t<\/span>\n\t\t\t\t<span class=\"hide\" itemprop=\"image\" itemscope itemtype=\"http:\/\/schema.org\/ImageObject\">\n\t\t\t<meta itemprop=\"url\" content=\"https:\/\/www.psib-psoe.org\/mallorca\/wp-content\/uploads\/Ple-pressupostos.jpeg\">\n\t\t\t<meta itemprop=\"width\" content=\"1170\">\n\t\t\t<meta itemprop=\"height\" content=\"634\">\n\t\t<\/span>\n\t\t\t\t<meta itemscope itemprop=\"mainEntityOfPage\" itemtype=\"https:\/\/schema.org\/WebPage\" itemid=\"https:\/\/www.psib-psoe.org\/mallorca\/lajuntament-dalcudia-fomenta-i-empara-el-sexisme-i-el-masclisme-ranci-en-una-activitat-teatral-contractada-per-les-festes-de-sant-jaume-inclosa-al-programa-oficial-de-festes\/\">\n\t<\/aside>\n\t\t<\/article>\n<\/div>\n<div class=\"small-12 large-4 columns\">\n\t<article itemscope itemtype=\"http:\/\/schema.org\/Article\" class=\"post blog-style7 alt post-30212 type-post status-publish format-standard has-post-thumbnail hentry category-consell-de-mallorca category-federacio-de-mallorca category-federacio-de-mallorca-portada category-portada tag-amanda-fernandez tag-andreu-serra tag-ares-fernandez tag-bea-gamundi tag-biel-alomar tag-catalina-cladera tag-consell-de-mallorca tag-federacio-socialista-de-mallorca tag-jaume-mateu tag-javier-de-juan tag-joan-ferrer tag-juana-m-adrover tag-sofia-alonso\" role=\"article\">\n\t\t<figure class=\"post-gallery\"><img loading=\"lazy\" decoding=\"async\" width=\"600\" height=\"400\" src=\"https:\/\/www.psib-psoe.org\/mallorca\/wp-content\/uploads\/Joan-Ferrer-600x400.jpeg\" class=\"attachment-notio-general-x2 size-notio-general-x2 wp-post-image\" alt=\"\" srcset=\"https:\/\/www.psib-psoe.org\/mallorca\/wp-content\/uploads\/Joan-Ferrer-600x400.jpeg 600w, https:\/\/www.psib-psoe.org\/mallorca\/wp-content\/uploads\/Joan-Ferrer-300x200.jpeg 300w, https:\/\/www.psib-psoe.org\/mallorca\/wp-content\/uploads\/Joan-Ferrer-900x600.jpeg 900w, https:\/\/www.psib-psoe.org\/mallorca\/wp-content\/uploads\/Joan-Ferrer-20x13.jpeg 20w\" sizes=\"(max-width: 600px) 100vw, 600px\" \/><\/figure>\n\t\t<div class=\"blog-top\">\n\t\t\t<header class=\"post-title entry-header\">\n\t\t\t\t<aside class=\"post-meta cf\">\n\t\t09\/08\/2025 \/ <a href=\"https:\/\/www.psib-psoe.org\/mallorca\/category\/consell-de-mallorca\/\" rel=\"category tag\">Consell de Mallorca<\/a>, <a href=\"https:\/\/www.psib-psoe.org\/mallorca\/category\/federacio-de-mallorca\/\" rel=\"category tag\">Federaci\u00f3 de Mallorca<\/a>, <a href=\"https:\/\/www.psib-psoe.org\/mallorca\/category\/federacio-de-mallorca-portada\/\" rel=\"category tag\">Federaci\u00f3 de Mallorca - Portada<\/a>, <a href=\"https:\/\/www.psib-psoe.org\/mallorca\/category\/portada\/\" rel=\"category tag\">Portada<\/a><\/aside>\n\t\t\t\t<h3 itemprop=\"headline\"><a href=\"https:\/\/www.psib-psoe.org\/mallorca\/el-psib-psoe-denuncia-el-retard-i-la-manca-de-dialeg-de-galmes-en-la-tramitacio-de-la-llei-per-limitar-lentrada-de-vehicles-a-mallorca\/\" title=\"El PSIB-PSOE denuncia el retard i la manca de di\u00e0leg de Galm\u00e9s en la tramitaci\u00f3 de la llei per limitar l\u2019entrada de vehicles a Mallorca.\">El PSIB-PSOE denuncia el retard i la manca de di\u00e0leg de Galm\u00e9s en la tramitaci\u00f3 de la llei per limitar l\u2019entrada de vehicles a Mallorca.<\/a><\/h3>\n\t\t\t<\/header>\n\t\t<\/div>\n\t\t<div class=\"post-content\">\n\t\t\t<a href=\"https:\/\/www.psib-psoe.org\/mallorca\/el-psib-psoe-denuncia-el-retard-i-la-manca-de-dialeg-de-galmes-en-la-tramitacio-de-la-llei-per-limitar-lentrada-de-vehicles-a-mallorca\/\" class=\"more-link\">Read More<\/a>\n\t\t<\/div>\n\t\t\t<aside class=\"post-bottom-meta hide\">\n\t\t<strong rel=\"author\" itemprop=\"author\" class=\"author vcard\"><span class=\"fn\">Albert<\/span><\/strong>\n\t\t<time class=\"date published time\" datetime=\"2025-08-09T09:58:36+02:00\" itemprop=\"datePublished\" content=\"2025-08-09T09:58:36+02:00\">09\/08\/2025<\/time>\n\t\t<meta itemprop=\"dateModified\" class=\"date updated\" content=\"2025-08-09T09:58:48+02:00\">\n\t\t<span class=\"hide\" itemprop=\"publisher\" itemscope itemtype=\"https:\/\/schema.org\/Organization\">\n\t\t\t<meta itemprop=\"name\" content=\"SocialistesdMca\">\n\t\t\t<span itemprop=\"logo\" itemscope itemtype=\"https:\/\/schema.org\/ImageObject\">\n\t\t\t\t<meta itemprop=\"url\" content=\"https:\/\/www.psib-psoe.org\/mallorca\/wp-content\/themes\/notio-wp\/assets\/img\/logo.png\">\n\t\t\t<\/span>\n\t\t\t<meta itemprop=\"url\" content=\"https:\/\/www.psib-psoe.org\/mallorca\/\">\n\t\t<\/span>\n\t\t\t\t<span class=\"hide\" itemprop=\"image\" itemscope itemtype=\"http:\/\/schema.org\/ImageObject\">\n\t\t\t<meta itemprop=\"url\" content=\"https:\/\/www.psib-psoe.org\/mallorca\/wp-content\/uploads\/Joan-Ferrer.jpeg\">\n\t\t\t<meta itemprop=\"width\" content=\"1017\">\n\t\t\t<meta itemprop=\"height\" content=\"1444\">\n\t\t<\/span>\n\t\t\t\t<meta itemscope itemprop=\"mainEntityOfPage\" itemtype=\"https:\/\/schema.org\/WebPage\" itemid=\"https:\/\/www.psib-psoe.org\/mallorca\/el-psib-psoe-denuncia-el-retard-i-la-manca-de-dialeg-de-galmes-en-la-tramitacio-de-la-llei-per-limitar-lentrada-de-vehicles-a-mallorca\/\">\n\t<\/aside>\n\t\t<\/article>\n<\/div>\n<div class=\"small-12 large-4 columns\">\n\t<article itemscope itemtype=\"http:\/\/schema.org\/Article\" class=\"post blog-style7 alt post-30209 type-post status-publish format-standard has-post-thumbnail hentry category-federacio-de-mallorca category-federacio-de-mallorca-portada category-municipis category-portada tag-agrupacio-socialista-sa-pobla tag-amanda-fernandez tag-ares-fernandez tag-catalina-cladera tag-federacio-socialista-de-mallorca tag-jaume-mateu tag-psib-psoe tag-sa-pobla tag-xesca-mir\" role=\"article\">\n\t\t<figure class=\"post-gallery\"><img loading=\"lazy\" decoding=\"async\" width=\"600\" height=\"400\" src=\"https:\/\/www.psib-psoe.org\/mallorca\/wp-content\/uploads\/Ple-tren-3-600x400.jpeg\" class=\"attachment-notio-general-x2 size-notio-general-x2 wp-post-image\" alt=\"\" srcset=\"https:\/\/www.psib-psoe.org\/mallorca\/wp-content\/uploads\/Ple-tren-3-600x400.jpeg 600w, https:\/\/www.psib-psoe.org\/mallorca\/wp-content\/uploads\/Ple-tren-3-300x200.jpeg 300w, https:\/\/www.psib-psoe.org\/mallorca\/wp-content\/uploads\/Ple-tren-3-900x600.jpeg 900w, https:\/\/www.psib-psoe.org\/mallorca\/wp-content\/uploads\/Ple-tren-3-20x13.jpeg 20w\" sizes=\"(max-width: 600px) 100vw, 600px\" \/><\/figure>\n\t\t<div class=\"blog-top\">\n\t\t\t<header class=\"post-title entry-header\">\n\t\t\t\t<aside class=\"post-meta cf\">\n\t\t08\/08\/2025 \/ <a href=\"https:\/\/www.psib-psoe.org\/mallorca\/category\/federacio-de-mallorca\/\" rel=\"category tag\">Federaci\u00f3 de Mallorca<\/a>, <a href=\"https:\/\/www.psib-psoe.org\/mallorca\/category\/federacio-de-mallorca-portada\/\" rel=\"category tag\">Federaci\u00f3 de Mallorca - Portada<\/a>, <a href=\"https:\/\/www.psib-psoe.org\/mallorca\/category\/municipis\/\" rel=\"category tag\">Municipis<\/a>, <a href=\"https:\/\/www.psib-psoe.org\/mallorca\/category\/portada\/\" rel=\"category tag\">Portada<\/a><\/aside>\n\t\t\t\t<h3 itemprop=\"headline\"><a href=\"https:\/\/www.psib-psoe.org\/mallorca\/els-socialistes-de-sa-pobla-diuen-no-al-projecte-de-tren-de-marga-prohens-i-reclamen-negociacio-amb-el-municipi\/\" title=\"Els Socialistes de sa Pobla diuen no al projecte de tren de Marga Prohens i reclamen negociaci\u00f3 amb el municipi.\">Els Socialistes de sa Pobla diuen no al projecte de tren de Marga Prohens i reclamen negociaci\u00f3 amb el municipi.<\/a><\/h3>\n\t\t\t<\/header>\n\t\t<\/div>\n\t\t<div class=\"post-content\">\n\t\t\t<a href=\"https:\/\/www.psib-psoe.org\/mallorca\/els-socialistes-de-sa-pobla-diuen-no-al-projecte-de-tren-de-marga-prohens-i-reclamen-negociacio-amb-el-municipi\/\" class=\"more-link\">Read More<\/a>\n\t\t<\/div>\n\t\t\t<aside class=\"post-bottom-meta hide\">\n\t\t<strong rel=\"author\" itemprop=\"author\" class=\"author vcard\"><span class=\"fn\">Albert<\/span><\/strong>\n\t\t<time class=\"date published time\" datetime=\"2025-08-08T12:27:32+02:00\" itemprop=\"datePublished\" content=\"2025-08-08T12:27:32+02:00\">08\/08\/2025<\/time>\n\t\t<meta itemprop=\"dateModified\" class=\"date updated\" content=\"2025-08-08T12:27:44+02:00\">\n\t\t<span class=\"hide\" itemprop=\"publisher\" itemscope itemtype=\"https:\/\/schema.org\/Organization\">\n\t\t\t<meta itemprop=\"name\" content=\"SocialistesdMca\">\n\t\t\t<span itemprop=\"logo\" itemscope itemtype=\"https:\/\/schema.org\/ImageObject\">\n\t\t\t\t<meta itemprop=\"url\" content=\"https:\/\/www.psib-psoe.org\/mallorca\/wp-content\/themes\/notio-wp\/assets\/img\/logo.png\">\n\t\t\t<\/span>\n\t\t\t<meta itemprop=\"url\" content=\"https:\/\/www.psib-psoe.org\/mallorca\/\">\n\t\t<\/span>\n\t\t\t\t<span class=\"hide\" itemprop=\"image\" itemscope itemtype=\"http:\/\/schema.org\/ImageObject\">\n\t\t\t<meta itemprop=\"url\" content=\"https:\/\/www.psib-psoe.org\/mallorca\/wp-content\/uploads\/Ple-tren-3.jpeg\">\n\t\t\t<meta itemprop=\"width\" content=\"2040\">\n\t\t\t<meta itemprop=\"height\" content=\"1530\">\n\t\t<\/span>\n\t\t\t\t<meta itemscope itemprop=\"mainEntityOfPage\" itemtype=\"https:\/\/schema.org\/WebPage\" itemid=\"https:\/\/www.psib-psoe.org\/mallorca\/els-socialistes-de-sa-pobla-diuen-no-al-projecte-de-tren-de-marga-prohens-i-reclamen-negociacio-amb-el-municipi\/\">\n\t<\/aside>\n\t\t<\/article>\n<\/div>\n<div class=\"small-12 large-4 columns\">\n\t<article itemscope itemtype=\"http:\/\/schema.org\/Article\" class=\"post blog-style7 alt post-30205 type-post status-publish format-standard has-post-thumbnail hentry category-consell-de-mallorca category-federacio-de-mallorca category-federacio-de-mallorca-portada category-portada tag-amanda-fernandez tag-andreu-serra tag-ares-fernandez tag-bea-gamundi tag-biel-alomar tag-catalina-cladera tag-consell-de-mallorca tag-federacio-socialista-de-mallorca tag-jaume-mateu tag-javier-de-juan tag-joan-ferrer tag-juana-m-adrover tag-sofia-alonso\" role=\"article\">\n\t\t<figure class=\"post-gallery\"><img loading=\"lazy\" decoding=\"async\" width=\"600\" height=\"400\" src=\"https:\/\/www.psib-psoe.org\/mallorca\/wp-content\/uploads\/Catalina-rdp-090725-2-600x400.jpeg\" class=\"attachment-notio-general-x2 size-notio-general-x2 wp-post-image\" alt=\"\" srcset=\"https:\/\/www.psib-psoe.org\/mallorca\/wp-content\/uploads\/Catalina-rdp-090725-2-600x400.jpeg 600w, https:\/\/www.psib-psoe.org\/mallorca\/wp-content\/uploads\/Catalina-rdp-090725-2-300x200.jpeg 300w, https:\/\/www.psib-psoe.org\/mallorca\/wp-content\/uploads\/Catalina-rdp-090725-2-900x600.jpeg 900w, https:\/\/www.psib-psoe.org\/mallorca\/wp-content\/uploads\/Catalina-rdp-090725-2-20x13.jpeg 20w\" sizes=\"(max-width: 600px) 100vw, 600px\" \/><\/figure>\n\t\t<div class=\"blog-top\">\n\t\t\t<header class=\"post-title entry-header\">\n\t\t\t\t<aside class=\"post-meta cf\">\n\t\t08\/08\/2025 \/ <a href=\"https:\/\/www.psib-psoe.org\/mallorca\/category\/consell-de-mallorca\/\" rel=\"category tag\">Consell de Mallorca<\/a>, <a href=\"https:\/\/www.psib-psoe.org\/mallorca\/category\/federacio-de-mallorca\/\" rel=\"category tag\">Federaci\u00f3 de Mallorca<\/a>, <a href=\"https:\/\/www.psib-psoe.org\/mallorca\/category\/federacio-de-mallorca-portada\/\" rel=\"category tag\">Federaci\u00f3 de Mallorca - Portada<\/a>, <a href=\"https:\/\/www.psib-psoe.org\/mallorca\/category\/portada\/\" rel=\"category tag\">Portada<\/a><\/aside>\n\t\t\t\t<h3 itemprop=\"headline\"><a href=\"https:\/\/www.psib-psoe.org\/mallorca\/la-gestio-negligent-de-ppvox-provoca-mes-retards-que-mai-en-les-convocatories-de-les-subvencions-del-consell-de-mallorca-a-propietaris-confraries-cooperatives-i-a-municipis-de-la-serra-de-tramuntana\/\" title=\"La gesti\u00f3 negligent de PPVox provoca m\u00e9s retards que mai en les convocat\u00f2ries de les subvencions del Consell de Mallorca a propietaris, confraries, cooperatives i a municipis de la Serra de Tramuntana.\">La gesti\u00f3 negligent de PPVox provoca m\u00e9s retards que mai en les convocat\u00f2ries de les subvencions del Consell de Mallorca a propietaris, confraries, cooperatives i a municipis de la Serra de Tramuntana.<\/a><\/h3>\n\t\t\t<\/header>\n\t\t<\/div>\n\t\t<div class=\"post-content\">\n\t\t\t<a href=\"https:\/\/www.psib-psoe.org\/mallorca\/la-gestio-negligent-de-ppvox-provoca-mes-retards-que-mai-en-les-convocatories-de-les-subvencions-del-consell-de-mallorca-a-propietaris-confraries-cooperatives-i-a-municipis-de-la-serra-de-tramuntana\/\" class=\"more-link\">Read More<\/a>\n\t\t<\/div>\n\t\t\t<aside class=\"post-bottom-meta hide\">\n\t\t<strong rel=\"author\" itemprop=\"author\" class=\"author vcard\"><span class=\"fn\">Albert<\/span><\/strong>\n\t\t<time class=\"date published time\" datetime=\"2025-08-08T11:05:17+02:00\" itemprop=\"datePublished\" content=\"2025-08-08T11:05:17+02:00\">08\/08\/2025<\/time>\n\t\t<meta itemprop=\"dateModified\" class=\"date updated\" content=\"2025-08-08T11:05:29+02:00\">\n\t\t<span class=\"hide\" itemprop=\"publisher\" itemscope itemtype=\"https:\/\/schema.org\/Organization\">\n\t\t\t<meta itemprop=\"name\" content=\"SocialistesdMca\">\n\t\t\t<span itemprop=\"logo\" itemscope itemtype=\"https:\/\/schema.org\/ImageObject\">\n\t\t\t\t<meta itemprop=\"url\" content=\"https:\/\/www.psib-psoe.org\/mallorca\/wp-content\/themes\/notio-wp\/assets\/img\/logo.png\">\n\t\t\t<\/span>\n\t\t\t<meta itemprop=\"url\" content=\"https:\/\/www.psib-psoe.org\/mallorca\/\">\n\t\t<\/span>\n\t\t\t\t<span class=\"hide\" itemprop=\"image\" itemscope itemtype=\"http:\/\/schema.org\/ImageObject\">\n\t\t\t<meta itemprop=\"url\" content=\"https:\/\/www.psib-psoe.org\/mallorca\/wp-content\/uploads\/Catalina-rdp-090725-2.jpeg\">\n\t\t\t<meta itemprop=\"width\" content=\"2560\">\n\t\t\t<meta itemprop=\"height\" content=\"1881\">\n\t\t<\/span>\n\t\t\t\t<meta itemscope itemprop=\"mainEntityOfPage\" itemtype=\"https:\/\/schema.org\/WebPage\" itemid=\"https:\/\/www.psib-psoe.org\/mallorca\/la-gestio-negligent-de-ppvox-provoca-mes-retards-que-mai-en-les-convocatories-de-les-subvencions-del-consell-de-mallorca-a-propietaris-confraries-cooperatives-i-a-municipis-de-la-serra-de-tramuntana\/\">\n\t<\/aside>\n\t\t<\/article>\n<\/div>\n<div class=\"small-12 large-4 columns\">\n\t<article itemscope itemtype=\"http:\/\/schema.org\/Article\" class=\"post blog-style7 alt post-30203 type-post status-publish format-standard has-post-thumbnail hentry category-federacio-de-mallorca category-federacio-de-mallorca-portada category-municipis category-portada tag-amanda-fernandez tag-bernat-roig tag-catalina-cladera tag-consell-de-mallorca tag-endavant tag-federacio-socialista-de-mallorca tag-inma-lopez tag-mercedes-salas tag-psib-psoe\" role=\"article\">\n\t\t<figure class=\"post-gallery\"><img loading=\"lazy\" decoding=\"async\" width=\"600\" height=\"400\" src=\"https:\/\/www.psib-psoe.org\/mallorca\/wp-content\/uploads\/Logo-Endavant-Ses-Salines-i-Colonia-Sant-Jordi-600x400.jpg\" class=\"attachment-notio-general-x2 size-notio-general-x2 wp-post-image\" alt=\"\" srcset=\"https:\/\/www.psib-psoe.org\/mallorca\/wp-content\/uploads\/Logo-Endavant-Ses-Salines-i-Colonia-Sant-Jordi-600x400.jpg 600w, https:\/\/www.psib-psoe.org\/mallorca\/wp-content\/uploads\/Logo-Endavant-Ses-Salines-i-Colonia-Sant-Jordi-300x200.jpg 300w, https:\/\/www.psib-psoe.org\/mallorca\/wp-content\/uploads\/Logo-Endavant-Ses-Salines-i-Colonia-Sant-Jordi-20x13.jpg 20w\" sizes=\"(max-width: 600px) 100vw, 600px\" \/><\/figure>\n\t\t<div class=\"blog-top\">\n\t\t\t<header class=\"post-title entry-header\">\n\t\t\t\t<aside class=\"post-meta cf\">\n\t\t07\/08\/2025 \/ <a href=\"https:\/\/www.psib-psoe.org\/mallorca\/category\/federacio-de-mallorca\/\" rel=\"category tag\">Federaci\u00f3 de Mallorca<\/a>, <a href=\"https:\/\/www.psib-psoe.org\/mallorca\/category\/federacio-de-mallorca-portada\/\" rel=\"category tag\">Federaci\u00f3 de Mallorca - Portada<\/a>, <a href=\"https:\/\/www.psib-psoe.org\/mallorca\/category\/municipis\/\" rel=\"category tag\">Municipis<\/a>, <a href=\"https:\/\/www.psib-psoe.org\/mallorca\/category\/portada\/\" rel=\"category tag\">Portada<\/a><\/aside>\n\t\t\t\t<h3 itemprop=\"headline\"><a href=\"https:\/\/www.psib-psoe.org\/mallorca\/endavant-denuncia-la-deixadesa-de-lajuntament-de-ses-salines-en-lorganitzacio-de-les-festes-de-la-colonia-de-sant-jordi\/\" title=\"Endavant denuncia la deixadesa de l\u2019Ajuntament de Ses Salines en l\u2019organitzaci\u00f3 de les festes de la Col\u00f2nia de Sant Jordi\">Endavant denuncia la deixadesa de l\u2019Ajuntament de Ses Salines en l\u2019organitzaci\u00f3 de les festes de la Col\u00f2nia de Sant Jordi<\/a><\/h3>\n\t\t\t<\/header>\n\t\t<\/div>\n\t\t<div class=\"post-content\">\n\t\t\t<a href=\"https:\/\/www.psib-psoe.org\/mallorca\/endavant-denuncia-la-deixadesa-de-lajuntament-de-ses-salines-en-lorganitzacio-de-les-festes-de-la-colonia-de-sant-jordi\/\" class=\"more-link\">Read More<\/a>\n\t\t<\/div>\n\t\t\t<aside class=\"post-bottom-meta hide\">\n\t\t<strong rel=\"author\" itemprop=\"author\" class=\"author vcard\"><span class=\"fn\">Albert<\/span><\/strong>\n\t\t<time class=\"date published time\" datetime=\"2025-08-07T14:42:50+02:00\" itemprop=\"datePublished\" content=\"2025-08-07T14:42:50+02:00\">07\/08\/2025<\/time>\n\t\t<meta itemprop=\"dateModified\" class=\"date updated\" content=\"2025-08-07T14:43:02+02:00\">\n\t\t<span class=\"hide\" itemprop=\"publisher\" itemscope itemtype=\"https:\/\/schema.org\/Organization\">\n\t\t\t<meta itemprop=\"name\" content=\"SocialistesdMca\">\n\t\t\t<span itemprop=\"logo\" itemscope itemtype=\"https:\/\/schema.org\/ImageObject\">\n\t\t\t\t<meta itemprop=\"url\" content=\"https:\/\/www.psib-psoe.org\/mallorca\/wp-content\/themes\/notio-wp\/assets\/img\/logo.png\">\n\t\t\t<\/span>\n\t\t\t<meta itemprop=\"url\" content=\"https:\/\/www.psib-psoe.org\/mallorca\/\">\n\t\t<\/span>\n\t\t\t\t<span class=\"hide\" itemprop=\"image\" itemscope itemtype=\"http:\/\/schema.org\/ImageObject\">\n\t\t\t<meta itemprop=\"url\" content=\"https:\/\/www.psib-psoe.org\/mallorca\/wp-content\/uploads\/Logo-Endavant-Ses-Salines-i-Colonia-Sant-Jordi.jpg\">\n\t\t\t<meta itemprop=\"width\" content=\"1179\">\n\t\t\t<meta itemprop=\"height\" content=\"440\">\n\t\t<\/span>\n\t\t\t\t<meta itemscope itemprop=\"mainEntityOfPage\" itemtype=\"https:\/\/schema.org\/WebPage\" itemid=\"https:\/\/www.psib-psoe.org\/mallorca\/endavant-denuncia-la-deixadesa-de-lajuntament-de-ses-salines-en-lorganitzacio-de-les-festes-de-la-colonia-de-sant-jordi\/\">\n\t<\/aside>\n\t\t<\/article>\n<\/div>\n<div class=\"small-12 large-4 columns\">\n\t<article itemscope itemtype=\"http:\/\/schema.org\/Article\" class=\"post blog-style7 alt post-30199 type-post status-publish format-standard has-post-thumbnail hentry category-federacio-de-mallorca category-federacio-de-mallorca-portada category-municipis category-portada tag-agrupacio-socialista-dalcudia tag-amanda-fernandez tag-barbara-rebassa tag-federacio-socialista-de-mallorca tag-joan-gaspar-vallori\" role=\"article\">\n\t\t<figure class=\"post-gallery\"><img loading=\"lazy\" decoding=\"async\" width=\"600\" height=\"400\" src=\"https:\/\/www.psib-psoe.org\/mallorca\/wp-content\/uploads\/Ple-pressupostos-600x400.jpeg\" class=\"attachment-notio-general-x2 size-notio-general-x2 wp-post-image\" alt=\"\" srcset=\"https:\/\/www.psib-psoe.org\/mallorca\/wp-content\/uploads\/Ple-pressupostos-600x400.jpeg 600w, https:\/\/www.psib-psoe.org\/mallorca\/wp-content\/uploads\/Ple-pressupostos-300x200.jpeg 300w, https:\/\/www.psib-psoe.org\/mallorca\/wp-content\/uploads\/Ple-pressupostos-900x600.jpeg 900w, https:\/\/www.psib-psoe.org\/mallorca\/wp-content\/uploads\/Ple-pressupostos-20x13.jpeg 20w\" sizes=\"(max-width: 600px) 100vw, 600px\" \/><\/figure>\n\t\t<div class=\"blog-top\">\n\t\t\t<header class=\"post-title entry-header\">\n\t\t\t\t<aside class=\"post-meta cf\">\n\t\t07\/08\/2025 \/ <a href=\"https:\/\/www.psib-psoe.org\/mallorca\/category\/federacio-de-mallorca\/\" rel=\"category tag\">Federaci\u00f3 de Mallorca<\/a>, <a href=\"https:\/\/www.psib-psoe.org\/mallorca\/category\/federacio-de-mallorca-portada\/\" rel=\"category tag\">Federaci\u00f3 de Mallorca - Portada<\/a>, <a href=\"https:\/\/www.psib-psoe.org\/mallorca\/category\/municipis\/\" rel=\"category tag\">Municipis<\/a>, <a href=\"https:\/\/www.psib-psoe.org\/mallorca\/category\/portada\/\" rel=\"category tag\">Portada<\/a><\/aside>\n\t\t\t\t<h3 itemprop=\"headline\"><a href=\"https:\/\/www.psib-psoe.org\/mallorca\/els-socialistes-dalcudia-presentaran-allegacions-contra-un-pressupost-de-2025-de-la-ultra-dreta-sense-nous-serveis-i-que-es-illegal-per-vulneracio-de-la-llei-dhis\/\" title=\"Els Socialistes d\u2019Alc\u00fadia presentaran al\u00b7legacions contra un Pressupost de 2025 \u201cde la ultra-dreta, sense nous serveis, i que \u00e9s il\u00b7legal\u201d per vulneraci\u00f3 de la Llei d\u2019Hisendes Locals.\">Els Socialistes d\u2019Alc\u00fadia presentaran al\u00b7legacions contra un Pressupost de 2025 \u201cde la ultra-dreta, sense nous serveis, i que \u00e9s il\u00b7legal\u201d per vulneraci\u00f3 de la Llei d\u2019Hisendes Locals.<\/a><\/h3>\n\t\t\t<\/header>\n\t\t<\/div>\n\t\t<div class=\"post-content\">\n\t\t\t<a href=\"https:\/\/www.psib-psoe.org\/mallorca\/els-socialistes-dalcudia-presentaran-allegacions-contra-un-pressupost-de-2025-de-la-ultra-dreta-sense-nous-serveis-i-que-es-illegal-per-vulneracio-de-la-llei-dhis\/\" class=\"more-link\">Read More<\/a>\n\t\t<\/div>\n\t\t\t<aside class=\"post-bottom-meta hide\">\n\t\t<strong rel=\"author\" itemprop=\"author\" class=\"author vcard\"><span class=\"fn\">Albert<\/span><\/strong>\n\t\t<time class=\"date published time\" datetime=\"2025-08-07T14:36:05+02:00\" itemprop=\"datePublished\" content=\"2025-08-07T14:36:05+02:00\">07\/08\/2025<\/time>\n\t\t<meta itemprop=\"dateModified\" class=\"date updated\" content=\"2025-08-07T14:36:17+02:00\">\n\t\t<span class=\"hide\" itemprop=\"publisher\" itemscope itemtype=\"https:\/\/schema.org\/Organization\">\n\t\t\t<meta itemprop=\"name\" content=\"SocialistesdMca\">\n\t\t\t<span itemprop=\"logo\" itemscope itemtype=\"https:\/\/schema.org\/ImageObject\">\n\t\t\t\t<meta itemprop=\"url\" content=\"https:\/\/www.psib-psoe.org\/mallorca\/wp-content\/themes\/notio-wp\/assets\/img\/logo.png\">\n\t\t\t<\/span>\n\t\t\t<meta itemprop=\"url\" content=\"https:\/\/www.psib-psoe.org\/mallorca\/\">\n\t\t<\/span>\n\t\t\t\t<span class=\"hide\" itemprop=\"image\" itemscope itemtype=\"http:\/\/schema.org\/ImageObject\">\n\t\t\t<meta itemprop=\"url\" content=\"https:\/\/www.psib-psoe.org\/mallorca\/wp-content\/uploads\/Ple-pressupostos.jpeg\">\n\t\t\t<meta itemprop=\"width\" content=\"1170\">\n\t\t\t<meta itemprop=\"height\" content=\"634\">\n\t\t<\/span>\n\t\t\t\t<meta itemscope itemprop=\"mainEntityOfPage\" itemtype=\"https:\/\/schema.org\/WebPage\" itemid=\"https:\/\/www.psib-psoe.org\/mallorca\/els-socialistes-dalcudia-presentaran-allegacions-contra-un-pressupost-de-2025-de-la-ultra-dreta-sense-nous-serveis-i-que-es-illegal-per-vulneracio-de-la-llei-dhis\/\">\n\t<\/aside>\n\t\t<\/article>\n<\/div>\n<div class=\"small-12 large-4 columns\">\n\t<article itemscope itemtype=\"http:\/\/schema.org\/Article\" class=\"post blog-style7 alt post-30196 type-post status-publish format-standard has-post-thumbnail hentry category-federacio-de-mallorca category-federacio-de-mallorca-portada category-municipis category-portada tag-agrupacio-socialista-de-felanitx tag-federacio-socialista-de-mallorca tag-felanitx tag-juana-m-adrover tag-maria-gracia-gonzalez tag-mercedes-garrido tag-psib-psoe tag-xisco-duarte\" role=\"article\">\n\t\t<figure class=\"post-gallery\"><img loading=\"lazy\" decoding=\"async\" width=\"600\" height=\"400\" src=\"https:\/\/www.psib-psoe.org\/mallorca\/wp-content\/uploads\/Assemblea-1-3-600x400.jpeg\" class=\"attachment-notio-general-x2 size-notio-general-x2 wp-post-image\" alt=\"\" srcset=\"https:\/\/www.psib-psoe.org\/mallorca\/wp-content\/uploads\/Assemblea-1-3-600x400.jpeg 600w, https:\/\/www.psib-psoe.org\/mallorca\/wp-content\/uploads\/Assemblea-1-3-300x200.jpeg 300w, https:\/\/www.psib-psoe.org\/mallorca\/wp-content\/uploads\/Assemblea-1-3-900x600.jpeg 900w, https:\/\/www.psib-psoe.org\/mallorca\/wp-content\/uploads\/Assemblea-1-3-20x13.jpeg 20w\" sizes=\"(max-width: 600px) 100vw, 600px\" \/><\/figure>\n\t\t<div class=\"blog-top\">\n\t\t\t<header class=\"post-title entry-header\">\n\t\t\t\t<aside class=\"post-meta cf\">\n\t\t07\/08\/2025 \/ <a href=\"https:\/\/www.psib-psoe.org\/mallorca\/category\/federacio-de-mallorca\/\" rel=\"category tag\">Federaci\u00f3 de Mallorca<\/a>, <a href=\"https:\/\/www.psib-psoe.org\/mallorca\/category\/federacio-de-mallorca-portada\/\" rel=\"category tag\">Federaci\u00f3 de Mallorca - Portada<\/a>, <a href=\"https:\/\/www.psib-psoe.org\/mallorca\/category\/municipis\/\" rel=\"category tag\">Municipis<\/a>, <a href=\"https:\/\/www.psib-psoe.org\/mallorca\/category\/portada\/\" rel=\"category tag\">Portada<\/a><\/aside>\n\t\t\t\t<h3 itemprop=\"headline\"><a href=\"https:\/\/www.psib-psoe.org\/mallorca\/maria-gracia-gonzalez-nova-secretaria-general-de-lagrupacio-socialista-de-felanitx\/\" title=\"Mar\u00eda Gracia Gonz\u00e1lez, nova secretaria general de l\u2019Agrupaci\u00f3 Socialista de Felanitx.\">Mar\u00eda Gracia Gonz\u00e1lez, nova secretaria general de l\u2019Agrupaci\u00f3 Socialista de Felanitx.<\/a><\/h3>\n\t\t\t<\/header>\n\t\t<\/div>\n\t\t<div class=\"post-content\">\n\t\t\t<a href=\"https:\/\/www.psib-psoe.org\/mallorca\/maria-gracia-gonzalez-nova-secretaria-general-de-lagrupacio-socialista-de-felanitx\/\" class=\"more-link\">Read More<\/a>\n\t\t<\/div>\n\t\t\t<aside class=\"post-bottom-meta hide\">\n\t\t<strong rel=\"author\" itemprop=\"author\" class=\"author vcard\"><span class=\"fn\">Albert<\/span><\/strong>\n\t\t<time class=\"date published time\" datetime=\"2025-08-07T12:41:20+02:00\" itemprop=\"datePublished\" content=\"2025-08-07T12:41:20+02:00\">07\/08\/2025<\/time>\n\t\t<meta itemprop=\"dateModified\" class=\"date updated\" content=\"2025-08-07T12:41:31+02:00\">\n\t\t<span class=\"hide\" itemprop=\"publisher\" itemscope itemtype=\"https:\/\/schema.org\/Organization\">\n\t\t\t<meta itemprop=\"name\" content=\"SocialistesdMca\">\n\t\t\t<span itemprop=\"logo\" itemscope itemtype=\"https:\/\/schema.org\/ImageObject\">\n\t\t\t\t<meta itemprop=\"url\" content=\"https:\/\/www.psib-psoe.org\/mallorca\/wp-content\/themes\/notio-wp\/assets\/img\/logo.png\">\n\t\t\t<\/span>\n\t\t\t<meta itemprop=\"url\" content=\"https:\/\/www.psib-psoe.org\/mallorca\/\">\n\t\t<\/span>\n\t\t\t\t<span class=\"hide\" itemprop=\"image\" itemscope itemtype=\"http:\/\/schema.org\/ImageObject\">\n\t\t\t<meta itemprop=\"url\" content=\"https:\/\/www.psib-psoe.org\/mallorca\/wp-content\/uploads\/Assemblea-1-3.jpeg\">\n\t\t\t<meta itemprop=\"width\" content=\"1600\">\n\t\t\t<meta itemprop=\"height\" content=\"1200\">\n\t\t<\/span>\n\t\t\t\t<meta itemscope itemprop=\"mainEntityOfPage\" itemtype=\"https:\/\/schema.org\/WebPage\" itemid=\"https:\/\/www.psib-psoe.org\/mallorca\/maria-gracia-gonzalez-nova-secretaria-general-de-lagrupacio-socialista-de-felanitx\/\">\n\t<\/aside>\n\t\t<\/article>\n<\/div>\n<div class=\"small-12 large-4 columns\">\n\t<article itemscope itemtype=\"http:\/\/schema.org\/Article\" class=\"post blog-style7 alt post-30191 type-post status-publish format-standard has-post-thumbnail hentry category-consell-de-mallorca category-federacio-de-mallorca category-federacio-de-mallorca-portada category-portada tag-amanda-fernandez tag-andreu-serra tag-ares-fernandez tag-bea-gamundi tag-biel-alomar tag-catalina-cladera tag-consell-de-mallorca tag-federacio-socialista-de-mallorca tag-jaume-mateu tag-javier-de-juan tag-joan-ferrer tag-juana-m-adrover tag-sofia-alonso\" role=\"article\">\n\t\t<figure class=\"post-gallery\"><img loading=\"lazy\" decoding=\"async\" width=\"600\" height=\"400\" src=\"https:\/\/www.psib-psoe.org\/mallorca\/wp-content\/uploads\/Bea-Gamundi-600x400.jpeg\" class=\"attachment-notio-general-x2 size-notio-general-x2 wp-post-image\" alt=\"\" srcset=\"https:\/\/www.psib-psoe.org\/mallorca\/wp-content\/uploads\/Bea-Gamundi-600x400.jpeg 600w, https:\/\/www.psib-psoe.org\/mallorca\/wp-content\/uploads\/Bea-Gamundi-300x200.jpeg 300w, https:\/\/www.psib-psoe.org\/mallorca\/wp-content\/uploads\/Bea-Gamundi-900x600.jpeg 900w, https:\/\/www.psib-psoe.org\/mallorca\/wp-content\/uploads\/Bea-Gamundi-20x13.jpeg 20w\" sizes=\"(max-width: 600px) 100vw, 600px\" \/><\/figure>\n\t\t<div class=\"blog-top\">\n\t\t\t<header class=\"post-title entry-header\">\n\t\t\t\t<aside class=\"post-meta cf\">\n\t\t07\/08\/2025 \/ <a href=\"https:\/\/www.psib-psoe.org\/mallorca\/category\/consell-de-mallorca\/\" rel=\"category tag\">Consell de Mallorca<\/a>, <a href=\"https:\/\/www.psib-psoe.org\/mallorca\/category\/federacio-de-mallorca\/\" rel=\"category tag\">Federaci\u00f3 de Mallorca<\/a>, <a href=\"https:\/\/www.psib-psoe.org\/mallorca\/category\/federacio-de-mallorca-portada\/\" rel=\"category tag\">Federaci\u00f3 de Mallorca - Portada<\/a>, <a href=\"https:\/\/www.psib-psoe.org\/mallorca\/category\/portada\/\" rel=\"category tag\">Portada<\/a><\/aside>\n\t\t\t\t<h3 itemprop=\"headline\"><a href=\"https:\/\/www.psib-psoe.org\/mallorca\/els-socialistes-de-mallorca-denuncien-que-ppvox-redueix-la-politica-de-joventut-del-consell-de-mallorca-a-una-agencia-de-viatges\/\" title=\"Els Socialistes de Mallorca denuncien que PPVox redueix la pol\u00edtica de joventut del Consell de Mallorca a una ag\u00e8ncia de viatges.\">Els Socialistes de Mallorca denuncien que PPVox redueix la pol\u00edtica de joventut del Consell de Mallorca a una ag\u00e8ncia de viatges.<\/a><\/h3>\n\t\t\t<\/header>\n\t\t<\/div>\n\t\t<div class=\"post-content\">\n\t\t\t<a href=\"https:\/\/www.psib-psoe.org\/mallorca\/els-socialistes-de-mallorca-denuncien-que-ppvox-redueix-la-politica-de-joventut-del-consell-de-mallorca-a-una-agencia-de-viatges\/\" class=\"more-link\">Read More<\/a>\n\t\t<\/div>\n\t\t\t<aside class=\"post-bottom-meta hide\">\n\t\t<strong rel=\"author\" itemprop=\"author\" class=\"author vcard\"><span class=\"fn\">Albert<\/span><\/strong>\n\t\t<time class=\"date published time\" datetime=\"2025-08-07T12:32:47+02:00\" itemprop=\"datePublished\" content=\"2025-08-07T12:32:47+02:00\">07\/08\/2025<\/time>\n\t\t<meta itemprop=\"dateModified\" class=\"date updated\" content=\"2025-08-07T12:32:59+02:00\">\n\t\t<span class=\"hide\" itemprop=\"publisher\" itemscope itemtype=\"https:\/\/schema.org\/Organization\">\n\t\t\t<meta itemprop=\"name\" content=\"SocialistesdMca\">\n\t\t\t<span itemprop=\"logo\" itemscope itemtype=\"https:\/\/schema.org\/ImageObject\">\n\t\t\t\t<meta itemprop=\"url\" content=\"https:\/\/www.psib-psoe.org\/mallorca\/wp-content\/themes\/notio-wp\/assets\/img\/logo.png\">\n\t\t\t<\/span>\n\t\t\t<meta itemprop=\"url\" content=\"https:\/\/www.psib-psoe.org\/mallorca\/\">\n\t\t<\/span>\n\t\t\t\t<span class=\"hide\" itemprop=\"image\" itemscope itemtype=\"http:\/\/schema.org\/ImageObject\">\n\t\t\t<meta itemprop=\"url\" content=\"https:\/\/www.psib-psoe.org\/mallorca\/wp-content\/uploads\/Bea-Gamundi.jpeg\">\n\t\t\t<meta itemprop=\"width\" content=\"1066\">\n\t\t\t<meta itemprop=\"height\" content=\"995\">\n\t\t<\/span>\n\t\t\t\t<meta itemscope itemprop=\"mainEntityOfPage\" itemtype=\"https:\/\/schema.org\/WebPage\" itemid=\"https:\/\/www.psib-psoe.org\/mallorca\/els-socialistes-de-mallorca-denuncien-que-ppvox-redueix-la-politica-de-joventut-del-consell-de-mallorca-a-una-agencia-de-viatges\/\">\n\t<\/aside>\n\t\t<\/article>\n<\/div>\n<div class=\"small-12 large-4 columns\">\n\t<article itemscope itemtype=\"http:\/\/schema.org\/Article\" class=\"post blog-style7 alt post-30188 type-post status-publish format-standard has-post-thumbnail hentry category-federacio-de-mallorca category-federacio-de-mallorca-portada category-municipis category-portada tag-agrupacio-socialista-de-santa-maria tag-amanda-fernandez tag-ana-maria-muela tag-ana-muela tag-ares-fernandez tag-consell-de-mallorca tag-federacio-socialista-de-mallorca tag-marc-vich tag-santa-maria-del-cami\" role=\"article\">\n\t\t<figure class=\"post-gallery\"><img loading=\"lazy\" decoding=\"async\" width=\"600\" height=\"400\" src=\"https:\/\/www.psib-psoe.org\/mallorca\/wp-content\/uploads\/Ana-Maria-Muela-600x400.jpeg\" class=\"attachment-notio-general-x2 size-notio-general-x2 wp-post-image\" alt=\"\" srcset=\"https:\/\/www.psib-psoe.org\/mallorca\/wp-content\/uploads\/Ana-Maria-Muela-600x400.jpeg 600w, https:\/\/www.psib-psoe.org\/mallorca\/wp-content\/uploads\/Ana-Maria-Muela-300x200.jpeg 300w, https:\/\/www.psib-psoe.org\/mallorca\/wp-content\/uploads\/Ana-Maria-Muela-20x13.jpeg 20w, https:\/\/www.psib-psoe.org\/mallorca\/wp-content\/uploads\/Ana-Maria-Muela-900x600.jpeg 900w\" sizes=\"(max-width: 600px) 100vw, 600px\" \/><\/figure>\n\t\t<div class=\"blog-top\">\n\t\t\t<header class=\"post-title entry-header\">\n\t\t\t\t<aside class=\"post-meta cf\">\n\t\t06\/08\/2025 \/ <a href=\"https:\/\/www.psib-psoe.org\/mallorca\/category\/federacio-de-mallorca\/\" rel=\"category tag\">Federaci\u00f3 de Mallorca<\/a>, <a href=\"https:\/\/www.psib-psoe.org\/mallorca\/category\/federacio-de-mallorca-portada\/\" rel=\"category tag\">Federaci\u00f3 de Mallorca - Portada<\/a>, <a href=\"https:\/\/www.psib-psoe.org\/mallorca\/category\/municipis\/\" rel=\"category tag\">Municipis<\/a>, <a href=\"https:\/\/www.psib-psoe.org\/mallorca\/category\/portada\/\" rel=\"category tag\">Portada<\/a><\/aside>\n\t\t\t\t<h3 itemprop=\"headline\"><a href=\"https:\/\/www.psib-psoe.org\/mallorca\/els-socialistes-de-santa-maria-activen-el-municipi-contra-la-crisi-hidrica-amb-una-mocio-al-ple-per-garantir-labastiment-daigua-de-qualitat\/\" title=\"Els Socialistes de Santa Maria activen el municipi contra la crisi h\u00eddrica amb una moci\u00f3 al ple per garantir l\u2019abastiment d\u2019aigua de qualitat.\">Els Socialistes de Santa Maria activen el municipi contra la crisi h\u00eddrica amb una moci\u00f3 al ple per garantir l\u2019abastiment d\u2019aigua de qualitat.<\/a><\/h3>\n\t\t\t<\/header>\n\t\t<\/div>\n\t\t<div class=\"post-content\">\n\t\t\t<a href=\"https:\/\/www.psib-psoe.org\/mallorca\/els-socialistes-de-santa-maria-activen-el-municipi-contra-la-crisi-hidrica-amb-una-mocio-al-ple-per-garantir-labastiment-daigua-de-qualitat\/\" class=\"more-link\">Read More<\/a>\n\t\t<\/div>\n\t\t\t<aside class=\"post-bottom-meta hide\">\n\t\t<strong rel=\"author\" itemprop=\"author\" class=\"author vcard\"><span class=\"fn\">Albert<\/span><\/strong>\n\t\t<time class=\"date published time\" datetime=\"2025-08-06T17:30:09+02:00\" itemprop=\"datePublished\" content=\"2025-08-06T17:30:09+02:00\">06\/08\/2025<\/time>\n\t\t<meta itemprop=\"dateModified\" class=\"date updated\" content=\"2025-08-06T17:30:21+02:00\">\n\t\t<span class=\"hide\" itemprop=\"publisher\" itemscope itemtype=\"https:\/\/schema.org\/Organization\">\n\t\t\t<meta itemprop=\"name\" content=\"SocialistesdMca\">\n\t\t\t<span itemprop=\"logo\" itemscope itemtype=\"https:\/\/schema.org\/ImageObject\">\n\t\t\t\t<meta itemprop=\"url\" content=\"https:\/\/www.psib-psoe.org\/mallorca\/wp-content\/themes\/notio-wp\/assets\/img\/logo.png\">\n\t\t\t<\/span>\n\t\t\t<meta itemprop=\"url\" content=\"https:\/\/www.psib-psoe.org\/mallorca\/\">\n\t\t<\/span>\n\t\t\t\t<span class=\"hide\" itemprop=\"image\" itemscope itemtype=\"http:\/\/schema.org\/ImageObject\">\n\t\t\t<meta itemprop=\"url\" content=\"https:\/\/www.psib-psoe.org\/mallorca\/wp-content\/uploads\/Ana-Maria-Muela.jpeg\">\n\t\t\t<meta itemprop=\"width\" content=\"1085\">\n\t\t\t<meta itemprop=\"height\" content=\"772\">\n\t\t<\/span>\n\t\t\t\t<meta itemscope itemprop=\"mainEntityOfPage\" itemtype=\"https:\/\/schema.org\/WebPage\" itemid=\"https:\/\/www.psib-psoe.org\/mallorca\/els-socialistes-de-santa-maria-activen-el-municipi-contra-la-crisi-hidrica-amb-una-mocio-al-ple-per-garantir-labastiment-daigua-de-qualitat\/\">\n\t<\/aside>\n\t\t<\/article>\n<\/div>\n<div class=\"small-12 large-4 columns\">\n\t<article itemscope itemtype=\"http:\/\/schema.org\/Article\" class=\"post blog-style7 alt post-30184 type-post status-publish format-standard has-post-thumbnail hentry category-consell-de-mallorca category-federacio-de-mallorca category-federacio-de-mallorca-portada category-portada tag-amanda-fernandez tag-andreu-serra tag-ares-fernandez tag-bea-gamundi tag-biel-alomar tag-catalina-cladera tag-consell-de-mallorca tag-federacio-socialista-de-mallorca tag-jaume-mateu tag-javier-de-juan tag-joan-ferrer tag-juana-m-adrover tag-sofia-alonso\" role=\"article\">\n\t\t<figure class=\"post-gallery\"><img loading=\"lazy\" decoding=\"async\" width=\"600\" height=\"400\" src=\"https:\/\/www.psib-psoe.org\/mallorca\/wp-content\/uploads\/Andreu-trot-scaled-e1754995438886-600x400.jpeg\" class=\"attachment-notio-general-x2 size-notio-general-x2 wp-post-image\" alt=\"\" srcset=\"https:\/\/www.psib-psoe.org\/mallorca\/wp-content\/uploads\/Andreu-trot-scaled-e1754995438886-600x400.jpeg 600w, https:\/\/www.psib-psoe.org\/mallorca\/wp-content\/uploads\/Andreu-trot-scaled-e1754995438886-300x200.jpeg 300w, https:\/\/www.psib-psoe.org\/mallorca\/wp-content\/uploads\/Andreu-trot-scaled-e1754995438886-900x600.jpeg 900w, https:\/\/www.psib-psoe.org\/mallorca\/wp-content\/uploads\/Andreu-trot-scaled-e1754995438886-20x13.jpeg 20w\" sizes=\"(max-width: 600px) 100vw, 600px\" \/><\/figure>\n\t\t<div class=\"blog-top\">\n\t\t\t<header class=\"post-title entry-header\">\n\t\t\t\t<aside class=\"post-meta cf\">\n\t\t06\/08\/2025 \/ <a href=\"https:\/\/www.psib-psoe.org\/mallorca\/category\/consell-de-mallorca\/\" rel=\"category tag\">Consell de Mallorca<\/a>, <a href=\"https:\/\/www.psib-psoe.org\/mallorca\/category\/federacio-de-mallorca\/\" rel=\"category tag\">Federaci\u00f3 de Mallorca<\/a>, <a href=\"https:\/\/www.psib-psoe.org\/mallorca\/category\/federacio-de-mallorca-portada\/\" rel=\"category tag\">Federaci\u00f3 de Mallorca - Portada<\/a>, <a href=\"https:\/\/www.psib-psoe.org\/mallorca\/category\/portada\/\" rel=\"category tag\">Portada<\/a><\/aside>\n\t\t\t\t<h3 itemprop=\"headline\"><a href=\"https:\/\/www.psib-psoe.org\/mallorca\/un-informe-de-la-intervencio-del-consell-de-mallorca-revela-irregularitats-greus-en-els-contractes-de-linstitut-de-lesport-hipic-de-mallorca\/\" title=\"Un informe de la Intervenci\u00f3 del Consell de Mallorca revela irregularitats greus en els contractes de l\u2019Institut de l\u2019Esport H\u00edpic de Mallorca.\">Un informe de la Intervenci\u00f3 del Consell de Mallorca revela irregularitats greus en els contractes de l\u2019Institut de l\u2019Esport H\u00edpic de Mallorca.<\/a><\/h3>\n\t\t\t<\/header>\n\t\t<\/div>\n\t\t<div class=\"post-content\">\n\t\t\t<a href=\"https:\/\/www.psib-psoe.org\/mallorca\/un-informe-de-la-intervencio-del-consell-de-mallorca-revela-irregularitats-greus-en-els-contractes-de-linstitut-de-lesport-hipic-de-mallorca\/\" class=\"more-link\">Read More<\/a>\n\t\t<\/div>\n\t\t\t<aside class=\"post-bottom-meta hide\">\n\t\t<strong rel=\"author\" itemprop=\"author\" class=\"author vcard\"><span class=\"fn\">Albert<\/span><\/strong>\n\t\t<time class=\"date published time\" datetime=\"2025-08-06T11:29:43+02:00\" itemprop=\"datePublished\" content=\"2025-08-06T11:29:43+02:00\">06\/08\/2025<\/time>\n\t\t<meta itemprop=\"dateModified\" class=\"date updated\" content=\"2025-08-06T11:29:55+02:00\">\n\t\t<span class=\"hide\" itemprop=\"publisher\" itemscope itemtype=\"https:\/\/schema.org\/Organization\">\n\t\t\t<meta itemprop=\"name\" content=\"SocialistesdMca\">\n\t\t\t<span itemprop=\"logo\" itemscope itemtype=\"https:\/\/schema.org\/ImageObject\">\n\t\t\t\t<meta itemprop=\"url\" content=\"https:\/\/www.psib-psoe.org\/mallorca\/wp-content\/themes\/notio-wp\/assets\/img\/logo.png\">\n\t\t\t<\/span>\n\t\t\t<meta itemprop=\"url\" content=\"https:\/\/www.psib-psoe.org\/mallorca\/\">\n\t\t<\/span>\n\t\t\t\t<span class=\"hide\" itemprop=\"image\" itemscope itemtype=\"http:\/\/schema.org\/ImageObject\">\n\t\t\t<meta itemprop=\"url\" content=\"https:\/\/www.psib-psoe.org\/mallorca\/wp-content\/uploads\/Andreu-trot-scaled-e1754995438886.jpeg\">\n\t\t\t<meta itemprop=\"width\" content=\"1041\">\n\t\t\t<meta itemprop=\"height\" content=\"1275\">\n\t\t<\/span>\n\t\t\t\t<meta itemscope itemprop=\"mainEntityOfPage\" itemtype=\"https:\/\/schema.org\/WebPage\" itemid=\"https:\/\/www.psib-psoe.org\/mallorca\/un-informe-de-la-intervencio-del-consell-de-mallorca-revela-irregularitats-greus-en-els-contractes-de-linstitut-de-lesport-hipic-de-mallorca\/\">\n\t<\/aside>\n\t\t<\/article>\n<\/div>\n<div class=\"small-12 large-4 columns\">\n\t<article itemscope itemtype=\"http:\/\/schema.org\/Article\" class=\"post blog-style7 alt post-30180 type-post status-publish format-standard has-post-thumbnail hentry category-consell-de-mallorca category-federacio-de-mallorca category-federacio-de-mallorca-portada category-portada tag-amanda-fernandez tag-andreu-serra tag-ares-fernandez tag-bea-gamundi tag-biel-alomar tag-catalina-cladera tag-consell-de-mallorca tag-federacio-socialista-de-mallorca tag-jaume-mateu tag-javier-de-juan tag-joan-ferrer tag-juana-m-adrover tag-sofia-alonso\" role=\"article\">\n\t\t<figure class=\"post-gallery\"><img loading=\"lazy\" decoding=\"async\" width=\"600\" height=\"400\" src=\"https:\/\/www.psib-psoe.org\/mallorca\/wp-content\/uploads\/Grup-DPG-2025-2-3-600x400.jpg\" class=\"attachment-notio-general-x2 size-notio-general-x2 wp-post-image\" alt=\"\" srcset=\"https:\/\/www.psib-psoe.org\/mallorca\/wp-content\/uploads\/Grup-DPG-2025-2-3-600x400.jpg 600w, https:\/\/www.psib-psoe.org\/mallorca\/wp-content\/uploads\/Grup-DPG-2025-2-3-300x200.jpg 300w, https:\/\/www.psib-psoe.org\/mallorca\/wp-content\/uploads\/Grup-DPG-2025-2-3-900x600.jpg 900w, https:\/\/www.psib-psoe.org\/mallorca\/wp-content\/uploads\/Grup-DPG-2025-2-3-20x13.jpg 20w\" sizes=\"(max-width: 600px) 100vw, 600px\" \/><\/figure>\n\t\t<div class=\"blog-top\">\n\t\t\t<header class=\"post-title entry-header\">\n\t\t\t\t<aside class=\"post-meta cf\">\n\t\t04\/08\/2025 \/ <a href=\"https:\/\/www.psib-psoe.org\/mallorca\/category\/consell-de-mallorca\/\" rel=\"category tag\">Consell de Mallorca<\/a>, <a href=\"https:\/\/www.psib-psoe.org\/mallorca\/category\/federacio-de-mallorca\/\" rel=\"category tag\">Federaci\u00f3 de Mallorca<\/a>, <a href=\"https:\/\/www.psib-psoe.org\/mallorca\/category\/federacio-de-mallorca-portada\/\" rel=\"category tag\">Federaci\u00f3 de Mallorca - Portada<\/a>, <a href=\"https:\/\/www.psib-psoe.org\/mallorca\/category\/portada\/\" rel=\"category tag\">Portada<\/a><\/aside>\n\t\t\t\t<h3 itemprop=\"headline\"><a href=\"https:\/\/www.psib-psoe.org\/mallorca\/el-grup-socialista-lamenta-la-degradacio-absoluta-del-servei-datencio-a-la-igualtat-del-consell-ppvox-i-adverteix-que-els-drets-de-les-dones-no-son-moneda-de-canvi\/\" title=\"El Grup Socialista lamenta la \u201cdegradaci\u00f3 absoluta&#8221; del servei d\u2019atenci\u00f3 a la Igualtat del Consell PPVox i adverteix que &#8220;els drets de les dones no s\u00f3n moneda de canvi&#8221;.\">El Grup Socialista lamenta la \u201cdegradaci\u00f3 absoluta&#8221; del servei d\u2019atenci\u00f3 a la Igualtat del Consell PPVox i adverteix que &#8220;els drets de les dones no s\u00f3n moneda de canvi&#8221;.<\/a><\/h3>\n\t\t\t<\/header>\n\t\t<\/div>\n\t\t<div class=\"post-content\">\n\t\t\t<a href=\"https:\/\/www.psib-psoe.org\/mallorca\/el-grup-socialista-lamenta-la-degradacio-absoluta-del-servei-datencio-a-la-igualtat-del-consell-ppvox-i-adverteix-que-els-drets-de-les-dones-no-son-moneda-de-canvi\/\" class=\"more-link\">Read More<\/a>\n\t\t<\/div>\n\t\t\t<aside class=\"post-bottom-meta hide\">\n\t\t<strong rel=\"author\" itemprop=\"author\" class=\"author vcard\"><span class=\"fn\">Albert<\/span><\/strong>\n\t\t<time class=\"date published time\" datetime=\"2025-08-04T11:40:57+02:00\" itemprop=\"datePublished\" content=\"2025-08-04T11:40:57+02:00\">04\/08\/2025<\/time>\n\t\t<meta itemprop=\"dateModified\" class=\"date updated\" content=\"2025-08-04T12:27:01+02:00\">\n\t\t<span class=\"hide\" itemprop=\"publisher\" itemscope itemtype=\"https:\/\/schema.org\/Organization\">\n\t\t\t<meta itemprop=\"name\" content=\"SocialistesdMca\">\n\t\t\t<span itemprop=\"logo\" itemscope itemtype=\"https:\/\/schema.org\/ImageObject\">\n\t\t\t\t<meta itemprop=\"url\" content=\"https:\/\/www.psib-psoe.org\/mallorca\/wp-content\/themes\/notio-wp\/assets\/img\/logo.png\">\n\t\t\t<\/span>\n\t\t\t<meta itemprop=\"url\" content=\"https:\/\/www.psib-psoe.org\/mallorca\/\">\n\t\t<\/span>\n\t\t\t\t<span class=\"hide\" itemprop=\"image\" itemscope itemtype=\"http:\/\/schema.org\/ImageObject\">\n\t\t\t<meta itemprop=\"url\" content=\"https:\/\/www.psib-psoe.org\/mallorca\/wp-content\/uploads\/Grup-DPG-2025-2-3.jpg\">\n\t\t\t<meta itemprop=\"width\" content=\"1328\">\n\t\t\t<meta itemprop=\"height\" content=\"614\">\n\t\t<\/span>\n\t\t\t\t<meta itemscope itemprop=\"mainEntityOfPage\" itemtype=\"https:\/\/schema.org\/WebPage\" itemid=\"https:\/\/www.psib-psoe.org\/mallorca\/el-grup-socialista-lamenta-la-degradacio-absoluta-del-servei-datencio-a-la-igualtat-del-consell-ppvox-i-adverteix-que-els-drets-de-les-dones-no-son-moneda-de-canvi\/\">\n\t<\/aside>\n\t\t<\/article>\n<\/div>\n<div class=\"small-12 large-4 columns\">\n\t<article itemscope itemtype=\"http:\/\/schema.org\/Article\" class=\"post blog-style7 alt post-30171 type-post status-publish format-standard has-post-thumbnail hentry category-federacio-de-mallorca category-federacio-de-mallorca-portada category-municipis category-portada tag-agrupacio-socialista-sa-pobla tag-amanda-fernandez tag-ares-fernandez tag-catalina-cladera tag-federacio-socialista-de-mallorca tag-jaume-mateu tag-psib-psoe tag-sa-pobla tag-xesca-mir\" role=\"article\">\n\t\t<figure class=\"post-gallery\"><img loading=\"lazy\" decoding=\"async\" width=\"600\" height=\"400\" src=\"https:\/\/www.psib-psoe.org\/mallorca\/wp-content\/uploads\/Tren-4-600x400.jpeg\" class=\"attachment-notio-general-x2 size-notio-general-x2 wp-post-image\" alt=\"\" srcset=\"https:\/\/www.psib-psoe.org\/mallorca\/wp-content\/uploads\/Tren-4-600x400.jpeg 600w, https:\/\/www.psib-psoe.org\/mallorca\/wp-content\/uploads\/Tren-4-300x200.jpeg 300w, https:\/\/www.psib-psoe.org\/mallorca\/wp-content\/uploads\/Tren-4-900x600.jpeg 900w, https:\/\/www.psib-psoe.org\/mallorca\/wp-content\/uploads\/Tren-4-20x13.jpeg 20w\" sizes=\"(max-width: 600px) 100vw, 600px\" \/><\/figure>\n\t\t<div class=\"blog-top\">\n\t\t\t<header class=\"post-title entry-header\">\n\t\t\t\t<aside class=\"post-meta cf\">\n\t\t01\/08\/2025 \/ <a href=\"https:\/\/www.psib-psoe.org\/mallorca\/category\/federacio-de-mallorca\/\" rel=\"category tag\">Federaci\u00f3 de Mallorca<\/a>, <a href=\"https:\/\/www.psib-psoe.org\/mallorca\/category\/federacio-de-mallorca-portada\/\" rel=\"category tag\">Federaci\u00f3 de Mallorca - Portada<\/a>, <a href=\"https:\/\/www.psib-psoe.org\/mallorca\/category\/municipis\/\" rel=\"category tag\">Municipis<\/a>, <a href=\"https:\/\/www.psib-psoe.org\/mallorca\/category\/portada\/\" rel=\"category tag\">Portada<\/a><\/aside>\n\t\t\t\t<h3 itemprop=\"headline\"><a href=\"https:\/\/www.psib-psoe.org\/mallorca\/els-socialistes-de-sa-pobla-presenten-una-mocio-per-refer-el-projecte-del-tracat-del-tren-fins-a-alcudia\/\" title=\"Els Socialistes de sa Pobla presenten una moci\u00f3 per refer el projecte del tra\u00e7at del tren fins a Alc\u00fadia\">Els Socialistes de sa Pobla presenten una moci\u00f3 per refer el projecte del tra\u00e7at del tren fins a Alc\u00fadia<\/a><\/h3>\n\t\t\t<\/header>\n\t\t<\/div>\n\t\t<div class=\"post-content\">\n\t\t\t<a href=\"https:\/\/www.psib-psoe.org\/mallorca\/els-socialistes-de-sa-pobla-presenten-una-mocio-per-refer-el-projecte-del-tracat-del-tren-fins-a-alcudia\/\" class=\"more-link\">Read More<\/a>\n\t\t<\/div>\n\t\t\t<aside class=\"post-bottom-meta hide\">\n\t\t<strong rel=\"author\" itemprop=\"author\" class=\"author vcard\"><span class=\"fn\">Albert<\/span><\/strong>\n\t\t<time class=\"date published time\" datetime=\"2025-08-01T12:57:50+02:00\" itemprop=\"datePublished\" content=\"2025-08-01T12:57:50+02:00\">01\/08\/2025<\/time>\n\t\t<meta itemprop=\"dateModified\" class=\"date updated\" content=\"2025-08-01T12:58:02+02:00\">\n\t\t<span class=\"hide\" itemprop=\"publisher\" itemscope itemtype=\"https:\/\/schema.org\/Organization\">\n\t\t\t<meta itemprop=\"name\" content=\"SocialistesdMca\">\n\t\t\t<span itemprop=\"logo\" itemscope itemtype=\"https:\/\/schema.org\/ImageObject\">\n\t\t\t\t<meta itemprop=\"url\" content=\"https:\/\/www.psib-psoe.org\/mallorca\/wp-content\/themes\/notio-wp\/assets\/img\/logo.png\">\n\t\t\t<\/span>\n\t\t\t<meta itemprop=\"url\" content=\"https:\/\/www.psib-psoe.org\/mallorca\/\">\n\t\t<\/span>\n\t\t\t\t<span class=\"hide\" itemprop=\"image\" itemscope itemtype=\"http:\/\/schema.org\/ImageObject\">\n\t\t\t<meta itemprop=\"url\" content=\"https:\/\/www.psib-psoe.org\/mallorca\/wp-content\/uploads\/Tren-4.jpeg\">\n\t\t\t<meta itemprop=\"width\" content=\"2048\">\n\t\t\t<meta itemprop=\"height\" content=\"1536\">\n\t\t<\/span>\n\t\t\t\t<meta itemscope itemprop=\"mainEntityOfPage\" itemtype=\"https:\/\/schema.org\/WebPage\" itemid=\"https:\/\/www.psib-psoe.org\/mallorca\/els-socialistes-de-sa-pobla-presenten-una-mocio-per-refer-el-projecte-del-tracat-del-tren-fins-a-alcudia\/\">\n\t<\/aside>\n\t\t<\/article>\n<\/div>\n<div class=\"small-12 large-4 columns\">\n\t<article itemscope itemtype=\"http:\/\/schema.org\/Article\" class=\"post blog-style7 alt post-30168 type-post status-publish format-standard has-post-thumbnail hentry category-consell-de-mallorca category-federacio-de-mallorca category-federacio-de-mallorca-portada category-portada tag-amanda-fernandez tag-andreu-serra tag-ares-fernandez tag-bea-gamundi tag-biel-alomar tag-catalina-cladera tag-consell-de-mallorca tag-federacio-socialista-de-mallorca tag-jaume-mateu tag-javier-de-juan tag-joan-ferrer tag-juana-m-adrover tag-sofia-alonso\" role=\"article\">\n\t\t<figure class=\"post-gallery\"><img loading=\"lazy\" decoding=\"async\" width=\"600\" height=\"400\" src=\"https:\/\/www.psib-psoe.org\/mallorca\/wp-content\/uploads\/Grup-juliol-25-600x400.jpeg\" class=\"attachment-notio-general-x2 size-notio-general-x2 wp-post-image\" alt=\"\" srcset=\"https:\/\/www.psib-psoe.org\/mallorca\/wp-content\/uploads\/Grup-juliol-25-600x400.jpeg 600w, https:\/\/www.psib-psoe.org\/mallorca\/wp-content\/uploads\/Grup-juliol-25-300x200.jpeg 300w, https:\/\/www.psib-psoe.org\/mallorca\/wp-content\/uploads\/Grup-juliol-25-900x600.jpeg 900w, https:\/\/www.psib-psoe.org\/mallorca\/wp-content\/uploads\/Grup-juliol-25-20x13.jpeg 20w\" sizes=\"(max-width: 600px) 100vw, 600px\" \/><\/figure>\n\t\t<div class=\"blog-top\">\n\t\t\t<header class=\"post-title entry-header\">\n\t\t\t\t<aside class=\"post-meta cf\">\n\t\t31\/07\/2025 \/ <a href=\"https:\/\/www.psib-psoe.org\/mallorca\/category\/consell-de-mallorca\/\" rel=\"category tag\">Consell de Mallorca<\/a>, <a href=\"https:\/\/www.psib-psoe.org\/mallorca\/category\/federacio-de-mallorca\/\" rel=\"category tag\">Federaci\u00f3 de Mallorca<\/a>, <a href=\"https:\/\/www.psib-psoe.org\/mallorca\/category\/federacio-de-mallorca-portada\/\" rel=\"category tag\">Federaci\u00f3 de Mallorca - Portada<\/a>, <a href=\"https:\/\/www.psib-psoe.org\/mallorca\/category\/portada\/\" rel=\"category tag\">Portada<\/a><\/aside>\n\t\t\t\t<h3 itemprop=\"headline\"><a href=\"https:\/\/www.psib-psoe.org\/mallorca\/el-grup-socialista-aprova-1-de-cada-4-propostes-de-resolucio-que-ha-presentat-a-les-politiques-del-consell-de-mallorca\/\" title=\"El Grup Socialista aprova 1 de cada 4 propostes de resoluci\u00f3 que ha presentat a les pol\u00edtiques del Consell de Mallorca.\">El Grup Socialista aprova 1 de cada 4 propostes de resoluci\u00f3 que ha presentat a les pol\u00edtiques del Consell de Mallorca.<\/a><\/h3>\n\t\t\t<\/header>\n\t\t<\/div>\n\t\t<div class=\"post-content\">\n\t\t\t<a href=\"https:\/\/www.psib-psoe.org\/mallorca\/el-grup-socialista-aprova-1-de-cada-4-propostes-de-resolucio-que-ha-presentat-a-les-politiques-del-consell-de-mallorca\/\" class=\"more-link\">Read More<\/a>\n\t\t<\/div>\n\t\t\t<aside class=\"post-bottom-meta hide\">\n\t\t<strong rel=\"author\" itemprop=\"author\" class=\"author vcard\"><span class=\"fn\">Albert<\/span><\/strong>\n\t\t<time class=\"date published time\" datetime=\"2025-07-31T15:02:08+02:00\" itemprop=\"datePublished\" content=\"2025-07-31T15:02:08+02:00\">31\/07\/2025<\/time>\n\t\t<meta itemprop=\"dateModified\" class=\"date updated\" content=\"2025-07-31T15:02:19+02:00\">\n\t\t<span class=\"hide\" itemprop=\"publisher\" itemscope itemtype=\"https:\/\/schema.org\/Organization\">\n\t\t\t<meta itemprop=\"name\" content=\"SocialistesdMca\">\n\t\t\t<span itemprop=\"logo\" itemscope itemtype=\"https:\/\/schema.org\/ImageObject\">\n\t\t\t\t<meta itemprop=\"url\" content=\"https:\/\/www.psib-psoe.org\/mallorca\/wp-content\/themes\/notio-wp\/assets\/img\/logo.png\">\n\t\t\t<\/span>\n\t\t\t<meta itemprop=\"url\" content=\"https:\/\/www.psib-psoe.org\/mallorca\/\">\n\t\t<\/span>\n\t\t\t\t<span class=\"hide\" itemprop=\"image\" itemscope itemtype=\"http:\/\/schema.org\/ImageObject\">\n\t\t\t<meta itemprop=\"url\" content=\"https:\/\/www.psib-psoe.org\/mallorca\/wp-content\/uploads\/Grup-juliol-25-scaled.jpeg\">\n\t\t\t<meta itemprop=\"width\" content=\"1805\">\n\t\t\t<meta itemprop=\"height\" content=\"2560\">\n\t\t<\/span>\n\t\t\t\t<meta itemscope itemprop=\"mainEntityOfPage\" itemtype=\"https:\/\/schema.org\/WebPage\" itemid=\"https:\/\/www.psib-psoe.org\/mallorca\/el-grup-socialista-aprova-1-de-cada-4-propostes-de-resolucio-que-ha-presentat-a-les-politiques-del-consell-de-mallorca\/\">\n\t<\/aside>\n\t\t<\/article>\n<\/div>\n<div class=\"small-12 large-4 columns\">\n\t<article itemscope itemtype=\"http:\/\/schema.org\/Article\" class=\"post blog-style7 alt post-30163 type-post status-publish format-standard has-post-thumbnail hentry category-federacio-de-mallorca category-federacio-de-mallorca-portada category-municipis category-portada tag-amanda-fernandez tag-ares-fernandez tag-elsa-herranz tag-federacio-socialista-de-mallorca tag-jaume-j-oliver tag-llucmajor tag-socialistes-de-llucmajor\" role=\"article\">\n\t\t<figure class=\"post-gallery\"><img loading=\"lazy\" decoding=\"async\" width=\"600\" height=\"400\" src=\"https:\/\/www.psib-psoe.org\/mallorca\/wp-content\/uploads\/Executiva-1-600x400.jpeg\" class=\"attachment-notio-general-x2 size-notio-general-x2 wp-post-image\" alt=\"\" srcset=\"https:\/\/www.psib-psoe.org\/mallorca\/wp-content\/uploads\/Executiva-1-600x400.jpeg 600w, https:\/\/www.psib-psoe.org\/mallorca\/wp-content\/uploads\/Executiva-1-300x200.jpeg 300w, https:\/\/www.psib-psoe.org\/mallorca\/wp-content\/uploads\/Executiva-1-1024x683.jpeg 1024w, https:\/\/www.psib-psoe.org\/mallorca\/wp-content\/uploads\/Executiva-1-768x512.jpeg 768w, https:\/\/www.psib-psoe.org\/mallorca\/wp-content\/uploads\/Executiva-1-1536x1025.jpeg 1536w, https:\/\/www.psib-psoe.org\/mallorca\/wp-content\/uploads\/Executiva-1-150x100.jpeg 150w, https:\/\/www.psib-psoe.org\/mallorca\/wp-content\/uploads\/Executiva-1-900x600.jpeg 900w, https:\/\/www.psib-psoe.org\/mallorca\/wp-content\/uploads\/Executiva-1-20x13.jpeg 20w, https:\/\/www.psib-psoe.org\/mallorca\/wp-content\/uploads\/Executiva-1.jpeg 2048w\" sizes=\"(max-width: 600px) 100vw, 600px\" \/><\/figure>\n\t\t<div class=\"blog-top\">\n\t\t\t<header class=\"post-title entry-header\">\n\t\t\t\t<aside class=\"post-meta cf\">\n\t\t31\/07\/2025 \/ <a href=\"https:\/\/www.psib-psoe.org\/mallorca\/category\/federacio-de-mallorca\/\" rel=\"category tag\">Federaci\u00f3 de Mallorca<\/a>, <a href=\"https:\/\/www.psib-psoe.org\/mallorca\/category\/federacio-de-mallorca-portada\/\" rel=\"category tag\">Federaci\u00f3 de Mallorca - Portada<\/a>, <a href=\"https:\/\/www.psib-psoe.org\/mallorca\/category\/municipis\/\" rel=\"category tag\">Municipis<\/a>, <a href=\"https:\/\/www.psib-psoe.org\/mallorca\/category\/portada\/\" rel=\"category tag\">Portada<\/a><\/aside>\n\t\t\t\t<h3 itemprop=\"headline\"><a href=\"https:\/\/www.psib-psoe.org\/mallorca\/el-60-de-les-dependencies-municipals-de-llucmajor-no-tenen-aire-condicionat-aquest-estiu\/\" title=\"El 60% de les depend\u00e8ncies municipals de Llucmajor no tenen aire condicionat aquest estiu.\">El 60% de les depend\u00e8ncies municipals de Llucmajor no tenen aire condicionat aquest estiu.<\/a><\/h3>\n\t\t\t<\/header>\n\t\t<\/div>\n\t\t<div class=\"post-content\">\n\t\t\t<a href=\"https:\/\/www.psib-psoe.org\/mallorca\/el-60-de-les-dependencies-municipals-de-llucmajor-no-tenen-aire-condicionat-aquest-estiu\/\" class=\"more-link\">Read More<\/a>\n\t\t<\/div>\n\t\t\t<aside class=\"post-bottom-meta hide\">\n\t\t<strong rel=\"author\" itemprop=\"author\" class=\"author vcard\"><span class=\"fn\">Albert<\/span><\/strong>\n\t\t<time class=\"date published time\" datetime=\"2025-07-31T10:32:11+02:00\" itemprop=\"datePublished\" content=\"2025-07-31T10:32:11+02:00\">31\/07\/2025<\/time>\n\t\t<meta itemprop=\"dateModified\" class=\"date updated\" content=\"2025-07-31T10:32:23+02:00\">\n\t\t<span class=\"hide\" itemprop=\"publisher\" itemscope itemtype=\"https:\/\/schema.org\/Organization\">\n\t\t\t<meta itemprop=\"name\" content=\"SocialistesdMca\">\n\t\t\t<span itemprop=\"logo\" itemscope itemtype=\"https:\/\/schema.org\/ImageObject\">\n\t\t\t\t<meta itemprop=\"url\" content=\"https:\/\/www.psib-psoe.org\/mallorca\/wp-content\/themes\/notio-wp\/assets\/img\/logo.png\">\n\t\t\t<\/span>\n\t\t\t<meta itemprop=\"url\" content=\"https:\/\/www.psib-psoe.org\/mallorca\/\">\n\t\t<\/span>\n\t\t\t\t<span class=\"hide\" itemprop=\"image\" itemscope itemtype=\"http:\/\/schema.org\/ImageObject\">\n\t\t\t<meta itemprop=\"url\" content=\"https:\/\/www.psib-psoe.org\/mallorca\/wp-content\/uploads\/Executiva-1.jpeg\">\n\t\t\t<meta itemprop=\"width\" content=\"2048\">\n\t\t\t<meta itemprop=\"height\" content=\"1366\">\n\t\t<\/span>\n\t\t\t\t<meta itemscope itemprop=\"mainEntityOfPage\" itemtype=\"https:\/\/schema.org\/WebPage\" itemid=\"https:\/\/www.psib-psoe.org\/mallorca\/el-60-de-les-dependencies-municipals-de-llucmajor-no-tenen-aire-condicionat-aquest-estiu\/\">\n\t<\/aside>\n\t\t<\/article>\n<\/div>\n<div class=\"small-12 large-4 columns\">\n\t<article itemscope itemtype=\"http:\/\/schema.org\/Article\" class=\"post blog-style7 alt post-30159 type-post status-publish format-standard has-post-thumbnail hentry category-consell-de-mallorca category-federacio-de-mallorca category-federacio-de-mallorca-portada category-portada tag-agrupacio-socialista-dandratx tag-amanda-fernandez tag-antoni-mir tag-ares-fernandez tag-catalina-cladera tag-consell-de-mallorca tag-enaitz-inan tag-federacio-socialista-de-mallorca tag-javier-de-juan tag-joan-mendez tag-tolo-aguilar\" role=\"article\">\n\t\t<figure class=\"post-gallery\"><img loading=\"lazy\" decoding=\"async\" width=\"600\" height=\"400\" src=\"https:\/\/www.psib-psoe.org\/mallorca\/wp-content\/uploads\/Assemblea-5-600x400.jpeg\" class=\"attachment-notio-general-x2 size-notio-general-x2 wp-post-image\" alt=\"\" srcset=\"https:\/\/www.psib-psoe.org\/mallorca\/wp-content\/uploads\/Assemblea-5-600x400.jpeg 600w, https:\/\/www.psib-psoe.org\/mallorca\/wp-content\/uploads\/Assemblea-5-300x200.jpeg 300w, https:\/\/www.psib-psoe.org\/mallorca\/wp-content\/uploads\/Assemblea-5-900x600.jpeg 900w, https:\/\/www.psib-psoe.org\/mallorca\/wp-content\/uploads\/Assemblea-5-20x13.jpeg 20w\" sizes=\"(max-width: 600px) 100vw, 600px\" \/><\/figure>\n\t\t<div class=\"blog-top\">\n\t\t\t<header class=\"post-title entry-header\">\n\t\t\t\t<aside class=\"post-meta cf\">\n\t\t30\/07\/2025 \/ <a href=\"https:\/\/www.psib-psoe.org\/mallorca\/category\/consell-de-mallorca\/\" rel=\"category tag\">Consell de Mallorca<\/a>, <a href=\"https:\/\/www.psib-psoe.org\/mallorca\/category\/federacio-de-mallorca\/\" rel=\"category tag\">Federaci\u00f3 de Mallorca<\/a>, <a href=\"https:\/\/www.psib-psoe.org\/mallorca\/category\/federacio-de-mallorca-portada\/\" rel=\"category tag\">Federaci\u00f3 de Mallorca - Portada<\/a>, <a href=\"https:\/\/www.psib-psoe.org\/mallorca\/category\/portada\/\" rel=\"category tag\">Portada<\/a><\/aside>\n\t\t\t\t<h3 itemprop=\"headline\"><a href=\"https:\/\/www.psib-psoe.org\/mallorca\/lagrupacio-socialista-dandratx-escull-nova-executiva-que-encapcala-enaitz-inan-com-nou-a-secretari-general\/\" title=\"L\u2019Agrupaci\u00f3 Socialista d\u2019Andratx escull nova executiva que encap\u00e7ala Enaitz I\u00f1\u00e1n com nou a secretari general.\">L\u2019Agrupaci\u00f3 Socialista d\u2019Andratx escull nova executiva que encap\u00e7ala Enaitz I\u00f1\u00e1n com nou a secretari general.<\/a><\/h3>\n\t\t\t<\/header>\n\t\t<\/div>\n\t\t<div class=\"post-content\">\n\t\t\t<a href=\"https:\/\/www.psib-psoe.org\/mallorca\/lagrupacio-socialista-dandratx-escull-nova-executiva-que-encapcala-enaitz-inan-com-nou-a-secretari-general\/\" class=\"more-link\">Read More<\/a>\n\t\t<\/div>\n\t\t\t<aside class=\"post-bottom-meta hide\">\n\t\t<strong rel=\"author\" itemprop=\"author\" class=\"author vcard\"><span class=\"fn\">Albert<\/span><\/strong>\n\t\t<time class=\"date published time\" datetime=\"2025-07-30T12:44:16+02:00\" itemprop=\"datePublished\" content=\"2025-07-30T12:44:16+02:00\">30\/07\/2025<\/time>\n\t\t<meta itemprop=\"dateModified\" class=\"date updated\" content=\"2025-07-30T12:44:28+02:00\">\n\t\t<span class=\"hide\" itemprop=\"publisher\" itemscope itemtype=\"https:\/\/schema.org\/Organization\">\n\t\t\t<meta itemprop=\"name\" content=\"SocialistesdMca\">\n\t\t\t<span itemprop=\"logo\" itemscope itemtype=\"https:\/\/schema.org\/ImageObject\">\n\t\t\t\t<meta itemprop=\"url\" content=\"https:\/\/www.psib-psoe.org\/mallorca\/wp-content\/themes\/notio-wp\/assets\/img\/logo.png\">\n\t\t\t<\/span>\n\t\t\t<meta itemprop=\"url\" content=\"https:\/\/www.psib-psoe.org\/mallorca\/\">\n\t\t<\/span>\n\t\t\t\t<span class=\"hide\" itemprop=\"image\" itemscope itemtype=\"http:\/\/schema.org\/ImageObject\">\n\t\t\t<meta itemprop=\"url\" content=\"https:\/\/www.psib-psoe.org\/mallorca\/wp-content\/uploads\/Assemblea-5.jpeg\">\n\t\t\t<meta itemprop=\"width\" content=\"1600\">\n\t\t\t<meta itemprop=\"height\" content=\"1200\">\n\t\t<\/span>\n\t\t\t\t<meta itemscope itemprop=\"mainEntityOfPage\" itemtype=\"https:\/\/schema.org\/WebPage\" itemid=\"https:\/\/www.psib-psoe.org\/mallorca\/lagrupacio-socialista-dandratx-escull-nova-executiva-que-encapcala-enaitz-inan-com-nou-a-secretari-general\/\">\n\t<\/aside>\n\t\t<\/article>\n<\/div>\n<div class=\"small-12 large-4 columns\">\n\t<article itemscope itemtype=\"http:\/\/schema.org\/Article\" class=\"post blog-style7 alt post-30156 type-post status-publish format-standard has-post-thumbnail hentry category-federacio-de-mallorca category-federacio-de-mallorca-portada category-municipis category-portada tag-agrupacio-socialista-dalcudia tag-amanda-fernandez tag-barbara-rebassa tag-catalina-cladera tag-federacio-socialista-de-mallorca tag-joan-gaspar-vallori\" role=\"article\">\n\t\t<figure class=\"post-gallery\"><img loading=\"lazy\" decoding=\"async\" width=\"600\" height=\"400\" src=\"https:\/\/www.psib-psoe.org\/mallorca\/wp-content\/uploads\/Agrupacio-Alcudia-600x400.jpg\" class=\"attachment-notio-general-x2 size-notio-general-x2 wp-post-image\" alt=\"\" srcset=\"https:\/\/www.psib-psoe.org\/mallorca\/wp-content\/uploads\/Agrupacio-Alcudia-600x400.jpg 600w, https:\/\/www.psib-psoe.org\/mallorca\/wp-content\/uploads\/Agrupacio-Alcudia-300x200.jpg 300w, https:\/\/www.psib-psoe.org\/mallorca\/wp-content\/uploads\/Agrupacio-Alcudia-20x13.jpg 20w\" sizes=\"(max-width: 600px) 100vw, 600px\" \/><\/figure>\n\t\t<div class=\"blog-top\">\n\t\t\t<header class=\"post-title entry-header\">\n\t\t\t\t<aside class=\"post-meta cf\">\n\t\t30\/07\/2025 \/ <a href=\"https:\/\/www.psib-psoe.org\/mallorca\/category\/federacio-de-mallorca\/\" rel=\"category tag\">Federaci\u00f3 de Mallorca<\/a>, <a href=\"https:\/\/www.psib-psoe.org\/mallorca\/category\/federacio-de-mallorca-portada\/\" rel=\"category tag\">Federaci\u00f3 de Mallorca - Portada<\/a>, <a href=\"https:\/\/www.psib-psoe.org\/mallorca\/category\/municipis\/\" rel=\"category tag\">Municipis<\/a>, <a href=\"https:\/\/www.psib-psoe.org\/mallorca\/category\/portada\/\" rel=\"category tag\">Portada<\/a><\/aside>\n\t\t\t\t<h3 itemprop=\"headline\"><a href=\"https:\/\/www.psib-psoe.org\/mallorca\/els-socialistes-dalcudia-acusen-la-batlessa-linares-de-presentar-els-pressupostos-municipals-de-2025-a-traicio-sense-oportunitat-de-revisio-per-part-dels-grups-de-l\/\" title=\"Els Socialistes d\u2019Alc\u00fadia acusen la batlessa Linares de presentar \u00a0els Pressupostos municipals de 2025 \u201ca tra\u00efci\u00f3\u201d, sense oportunitat de revisi\u00f3 per part dels grups de l\u2019oposici\u00f3.\">Els Socialistes d\u2019Alc\u00fadia acusen la batlessa Linares de presentar \u00a0els Pressupostos municipals de 2025 \u201ca tra\u00efci\u00f3\u201d, sense oportunitat de revisi\u00f3 per part dels grups de l\u2019oposici\u00f3.<\/a><\/h3>\n\t\t\t<\/header>\n\t\t<\/div>\n\t\t<div class=\"post-content\">\n\t\t\t<a href=\"https:\/\/www.psib-psoe.org\/mallorca\/els-socialistes-dalcudia-acusen-la-batlessa-linares-de-presentar-els-pressupostos-municipals-de-2025-a-traicio-sense-oportunitat-de-revisio-per-part-dels-grups-de-l\/\" class=\"more-link\">Read More<\/a>\n\t\t<\/div>\n\t\t\t<aside class=\"post-bottom-meta hide\">\n\t\t<strong rel=\"author\" itemprop=\"author\" class=\"author vcard\"><span class=\"fn\">Albert<\/span><\/strong>\n\t\t<time class=\"date published time\" datetime=\"2025-07-30T09:54:48+02:00\" itemprop=\"datePublished\" content=\"2025-07-30T09:54:48+02:00\">30\/07\/2025<\/time>\n\t\t<meta itemprop=\"dateModified\" class=\"date updated\" content=\"2025-07-30T09:54:59+02:00\">\n\t\t<span class=\"hide\" itemprop=\"publisher\" itemscope itemtype=\"https:\/\/schema.org\/Organization\">\n\t\t\t<meta itemprop=\"name\" content=\"SocialistesdMca\">\n\t\t\t<span itemprop=\"logo\" itemscope itemtype=\"https:\/\/schema.org\/ImageObject\">\n\t\t\t\t<meta itemprop=\"url\" content=\"https:\/\/www.psib-psoe.org\/mallorca\/wp-content\/themes\/notio-wp\/assets\/img\/logo.png\">\n\t\t\t<\/span>\n\t\t\t<meta itemprop=\"url\" content=\"https:\/\/www.psib-psoe.org\/mallorca\/\">\n\t\t<\/span>\n\t\t\t\t<span class=\"hide\" itemprop=\"image\" itemscope itemtype=\"http:\/\/schema.org\/ImageObject\">\n\t\t\t<meta itemprop=\"url\" content=\"https:\/\/www.psib-psoe.org\/mallorca\/wp-content\/uploads\/Agrupacio-Alcudia.jpg\">\n\t\t\t<meta itemprop=\"width\" content=\"768\">\n\t\t\t<meta itemprop=\"height\" content=\"605\">\n\t\t<\/span>\n\t\t\t\t<meta itemscope itemprop=\"mainEntityOfPage\" itemtype=\"https:\/\/schema.org\/WebPage\" itemid=\"https:\/\/www.psib-psoe.org\/mallorca\/els-socialistes-dalcudia-acusen-la-batlessa-linares-de-presentar-els-pressupostos-municipals-de-2025-a-traicio-sense-oportunitat-de-revisio-per-part-dels-grups-de-l\/\">\n\t<\/aside>\n\t\t<\/article>\n<\/div>\n<div class=\"small-12 large-4 columns\">\n\t<article itemscope itemtype=\"http:\/\/schema.org\/Article\" class=\"post blog-style7 alt post-30153 type-post status-publish format-standard has-post-thumbnail hentry category-consell-de-mallorca category-federacio-de-mallorca category-federacio-de-mallorca-portada category-portada tag-agrupacio-socialista-dandratx tag-amanda-fernandez tag-antoni-mir tag-ares-fernandez tag-catalina-cladera tag-consell-de-mallorca tag-enaitz-inan tag-federacio-socialista-de-mallorca\" role=\"article\">\n\t\t<figure class=\"post-gallery\"><img loading=\"lazy\" decoding=\"async\" width=\"600\" height=\"400\" src=\"https:\/\/www.psib-psoe.org\/mallorca\/wp-content\/uploads\/Andratx-mocio-210324-600x400.jpeg\" class=\"attachment-notio-general-x2 size-notio-general-x2 wp-post-image\" alt=\"\" srcset=\"https:\/\/www.psib-psoe.org\/mallorca\/wp-content\/uploads\/Andratx-mocio-210324-600x400.jpeg 600w, https:\/\/www.psib-psoe.org\/mallorca\/wp-content\/uploads\/Andratx-mocio-210324-300x200.jpeg 300w, https:\/\/www.psib-psoe.org\/mallorca\/wp-content\/uploads\/Andratx-mocio-210324-900x600.jpeg 900w, https:\/\/www.psib-psoe.org\/mallorca\/wp-content\/uploads\/Andratx-mocio-210324-20x13.jpeg 20w\" sizes=\"(max-width: 600px) 100vw, 600px\" \/><\/figure>\n\t\t<div class=\"blog-top\">\n\t\t\t<header class=\"post-title entry-header\">\n\t\t\t\t<aside class=\"post-meta cf\">\n\t\t29\/07\/2025 \/ <a href=\"https:\/\/www.psib-psoe.org\/mallorca\/category\/consell-de-mallorca\/\" rel=\"category tag\">Consell de Mallorca<\/a>, <a href=\"https:\/\/www.psib-psoe.org\/mallorca\/category\/federacio-de-mallorca\/\" rel=\"category tag\">Federaci\u00f3 de Mallorca<\/a>, <a href=\"https:\/\/www.psib-psoe.org\/mallorca\/category\/federacio-de-mallorca-portada\/\" rel=\"category tag\">Federaci\u00f3 de Mallorca - Portada<\/a>, <a href=\"https:\/\/www.psib-psoe.org\/mallorca\/category\/portada\/\" rel=\"category tag\">Portada<\/a><\/aside>\n\t\t\t\t<h3 itemprop=\"headline\"><a href=\"https:\/\/www.psib-psoe.org\/mallorca\/els-socialistes-dandratx-rebutgen-les-politiques-dhabitatge-social-que-impulsa-lajuntament-una-oportunitat-perduda-per-al-municipi\/\" title=\"Els Socialistes d&#8217;Andratx rebutgen les pol\u00edtiques d\u2019habitatge social que impulsa l&#8217;Ajuntament, \u201cuna oportunitat perduda per al municipi\u201d. \u00a0\">Els Socialistes d&#8217;Andratx rebutgen les pol\u00edtiques d\u2019habitatge social que impulsa l&#8217;Ajuntament, \u201cuna oportunitat perduda per al municipi\u201d. \u00a0<\/a><\/h3>\n\t\t\t<\/header>\n\t\t<\/div>\n\t\t<div class=\"post-content\">\n\t\t\t<a href=\"https:\/\/www.psib-psoe.org\/mallorca\/els-socialistes-dandratx-rebutgen-les-politiques-dhabitatge-social-que-impulsa-lajuntament-una-oportunitat-perduda-per-al-municipi\/\" class=\"more-link\">Read More<\/a>\n\t\t<\/div>\n\t\t\t<aside class=\"post-bottom-meta hide\">\n\t\t<strong rel=\"author\" itemprop=\"author\" class=\"author vcard\"><span class=\"fn\">Albert<\/span><\/strong>\n\t\t<time class=\"date published time\" datetime=\"2025-07-29T10:28:02+02:00\" itemprop=\"datePublished\" content=\"2025-07-29T10:28:02+02:00\">29\/07\/2025<\/time>\n\t\t<meta itemprop=\"dateModified\" class=\"date updated\" content=\"2025-07-29T10:28:15+02:00\">\n\t\t<span class=\"hide\" itemprop=\"publisher\" itemscope itemtype=\"https:\/\/schema.org\/Organization\">\n\t\t\t<meta itemprop=\"name\" content=\"SocialistesdMca\">\n\t\t\t<span itemprop=\"logo\" itemscope itemtype=\"https:\/\/schema.org\/ImageObject\">\n\t\t\t\t<meta itemprop=\"url\" content=\"https:\/\/www.psib-psoe.org\/mallorca\/wp-content\/themes\/notio-wp\/assets\/img\/logo.png\">\n\t\t\t<\/span>\n\t\t\t<meta itemprop=\"url\" content=\"https:\/\/www.psib-psoe.org\/mallorca\/\">\n\t\t<\/span>\n\t\t\t\t<span class=\"hide\" itemprop=\"image\" itemscope itemtype=\"http:\/\/schema.org\/ImageObject\">\n\t\t\t<meta itemprop=\"url\" content=\"https:\/\/www.psib-psoe.org\/mallorca\/wp-content\/uploads\/Andratx-mocio-210324.jpeg\">\n\t\t\t<meta itemprop=\"width\" content=\"1536\">\n\t\t\t<meta itemprop=\"height\" content=\"2048\">\n\t\t<\/span>\n\t\t\t\t<meta itemscope itemprop=\"mainEntityOfPage\" itemtype=\"https:\/\/schema.org\/WebPage\" itemid=\"https:\/\/www.psib-psoe.org\/mallorca\/els-socialistes-dandratx-rebutgen-les-politiques-dhabitatge-social-que-impulsa-lajuntament-una-oportunitat-perduda-per-al-municipi\/\">\n\t<\/aside>\n\t\t<\/article>\n<\/div>\n<div class=\"small-12 large-4 columns\">\n\t<article itemscope itemtype=\"http:\/\/schema.org\/Article\" class=\"post blog-style7 alt post-30150 type-post status-publish format-standard has-post-thumbnail hentry category-consell-de-mallorca category-federacio-de-mallorca category-federacio-de-mallorca-portada category-portada tag-amanda-fernandez tag-andreu-serra tag-ares-fernandez tag-bea-gamundi tag-biel-alomar tag-catalina-cladera tag-consell-de-mallorca tag-federacio-socialista-de-mallorca tag-jaume-mateu tag-javier-de-juan tag-joan-ferrer tag-juana-m-adrover tag-sofia-alonso\" role=\"article\">\n\t\t<figure class=\"post-gallery\"><img loading=\"lazy\" decoding=\"async\" width=\"600\" height=\"400\" src=\"https:\/\/www.psib-psoe.org\/mallorca\/wp-content\/uploads\/Catalina-rdp-090725-1-600x400.jpeg\" class=\"attachment-notio-general-x2 size-notio-general-x2 wp-post-image\" alt=\"\" srcset=\"https:\/\/www.psib-psoe.org\/mallorca\/wp-content\/uploads\/Catalina-rdp-090725-1-600x400.jpeg 600w, https:\/\/www.psib-psoe.org\/mallorca\/wp-content\/uploads\/Catalina-rdp-090725-1-300x200.jpeg 300w, https:\/\/www.psib-psoe.org\/mallorca\/wp-content\/uploads\/Catalina-rdp-090725-1-900x600.jpeg 900w, https:\/\/www.psib-psoe.org\/mallorca\/wp-content\/uploads\/Catalina-rdp-090725-1-20x13.jpeg 20w\" sizes=\"(max-width: 600px) 100vw, 600px\" \/><\/figure>\n\t\t<div class=\"blog-top\">\n\t\t\t<header class=\"post-title entry-header\">\n\t\t\t\t<aside class=\"post-meta cf\">\n\t\t28\/07\/2025 \/ <a href=\"https:\/\/www.psib-psoe.org\/mallorca\/category\/consell-de-mallorca\/\" rel=\"category tag\">Consell de Mallorca<\/a>, <a href=\"https:\/\/www.psib-psoe.org\/mallorca\/category\/federacio-de-mallorca\/\" rel=\"category tag\">Federaci\u00f3 de Mallorca<\/a>, <a href=\"https:\/\/www.psib-psoe.org\/mallorca\/category\/federacio-de-mallorca-portada\/\" rel=\"category tag\">Federaci\u00f3 de Mallorca - Portada<\/a>, <a href=\"https:\/\/www.psib-psoe.org\/mallorca\/category\/portada\/\" rel=\"category tag\">Portada<\/a><\/aside>\n\t\t\t\t<h3 itemprop=\"headline\"><a href=\"https:\/\/www.psib-psoe.org\/mallorca\/galmes-perd-el-sentit-institucional-de-la-trobada-amb-el-cap-de-lestat-i-es-dedica-a-difondre-missatges-partidistes\/\" title=\"Galm\u00e9s perd el sentit institucional de la trobada amb el Cap de l\u2019Estat, i es dedica a difondre missatges partidistes.\">Galm\u00e9s perd el sentit institucional de la trobada amb el Cap de l\u2019Estat, i es dedica a difondre missatges partidistes.<\/a><\/h3>\n\t\t\t<\/header>\n\t\t<\/div>\n\t\t<div class=\"post-content\">\n\t\t\t<a href=\"https:\/\/www.psib-psoe.org\/mallorca\/galmes-perd-el-sentit-institucional-de-la-trobada-amb-el-cap-de-lestat-i-es-dedica-a-difondre-missatges-partidistes\/\" class=\"more-link\">Read More<\/a>\n\t\t<\/div>\n\t\t\t<aside class=\"post-bottom-meta hide\">\n\t\t<strong rel=\"author\" itemprop=\"author\" class=\"author vcard\"><span class=\"fn\">Albert<\/span><\/strong>\n\t\t<time class=\"date published time\" datetime=\"2025-07-28T15:49:33+02:00\" itemprop=\"datePublished\" content=\"2025-07-28T15:49:33+02:00\">28\/07\/2025<\/time>\n\t\t<meta itemprop=\"dateModified\" class=\"date updated\" content=\"2025-07-28T15:49:45+02:00\">\n\t\t<span class=\"hide\" itemprop=\"publisher\" itemscope itemtype=\"https:\/\/schema.org\/Organization\">\n\t\t\t<meta itemprop=\"name\" content=\"SocialistesdMca\">\n\t\t\t<span itemprop=\"logo\" itemscope itemtype=\"https:\/\/schema.org\/ImageObject\">\n\t\t\t\t<meta itemprop=\"url\" content=\"https:\/\/www.psib-psoe.org\/mallorca\/wp-content\/themes\/notio-wp\/assets\/img\/logo.png\">\n\t\t\t<\/span>\n\t\t\t<meta itemprop=\"url\" content=\"https:\/\/www.psib-psoe.org\/mallorca\/\">\n\t\t<\/span>\n\t\t\t\t<span class=\"hide\" itemprop=\"image\" itemscope itemtype=\"http:\/\/schema.org\/ImageObject\">\n\t\t\t<meta itemprop=\"url\" content=\"https:\/\/www.psib-psoe.org\/mallorca\/wp-content\/uploads\/Catalina-rdp-090725-1.jpeg\">\n\t\t\t<meta itemprop=\"width\" content=\"2560\">\n\t\t\t<meta itemprop=\"height\" content=\"1881\">\n\t\t<\/span>\n\t\t\t\t<meta itemscope itemprop=\"mainEntityOfPage\" itemtype=\"https:\/\/schema.org\/WebPage\" itemid=\"https:\/\/www.psib-psoe.org\/mallorca\/galmes-perd-el-sentit-institucional-de-la-trobada-amb-el-cap-de-lestat-i-es-dedica-a-difondre-missatges-partidistes\/\">\n\t<\/aside>\n\t\t<\/article>\n<\/div>\n<div class=\"small-12 large-4 columns\">\n\t<article itemscope itemtype=\"http:\/\/schema.org\/Article\" class=\"post blog-style7 alt post-30147 type-post status-publish format-standard has-post-thumbnail hentry category-federacio-de-mallorca category-federacio-de-mallorca-portada category-municipis category-portada tag-amanda-fernandez tag-ares-fernandez tag-federacio-socialista-de-mallorca tag-miquel-cabot tag-psib-psoe tag-socialistes-santa-margalida tag-xisco-bergas\" role=\"article\">\n\t\t<figure class=\"post-gallery\"><img loading=\"lazy\" decoding=\"async\" width=\"600\" height=\"400\" src=\"https:\/\/www.psib-psoe.org\/mallorca\/wp-content\/uploads\/Executiva-Sta-Margalida-2-600x400.jpeg\" class=\"attachment-notio-general-x2 size-notio-general-x2 wp-post-image\" alt=\"\" srcset=\"https:\/\/www.psib-psoe.org\/mallorca\/wp-content\/uploads\/Executiva-Sta-Margalida-2-600x400.jpeg 600w, https:\/\/www.psib-psoe.org\/mallorca\/wp-content\/uploads\/Executiva-Sta-Margalida-2-300x200.jpeg 300w, https:\/\/www.psib-psoe.org\/mallorca\/wp-content\/uploads\/Executiva-Sta-Margalida-2-20x13.jpeg 20w\" sizes=\"(max-width: 600px) 100vw, 600px\" \/><\/figure>\n\t\t<div class=\"blog-top\">\n\t\t\t<header class=\"post-title entry-header\">\n\t\t\t\t<aside class=\"post-meta cf\">\n\t\t28\/07\/2025 \/ <a href=\"https:\/\/www.psib-psoe.org\/mallorca\/category\/federacio-de-mallorca\/\" rel=\"category tag\">Federaci\u00f3 de Mallorca<\/a>, <a href=\"https:\/\/www.psib-psoe.org\/mallorca\/category\/federacio-de-mallorca-portada\/\" rel=\"category tag\">Federaci\u00f3 de Mallorca - Portada<\/a>, <a href=\"https:\/\/www.psib-psoe.org\/mallorca\/category\/municipis\/\" rel=\"category tag\">Municipis<\/a>, <a href=\"https:\/\/www.psib-psoe.org\/mallorca\/category\/portada\/\" rel=\"category tag\">Portada<\/a><\/aside>\n\t\t\t\t<h3 itemprop=\"headline\"><a href=\"https:\/\/www.psib-psoe.org\/mallorca\/xisco-bergas-renova-secretaria-general-al-capdavant-de-lagrupacio-socialista-de-santa-margalida\/\" title=\"Xisco Bergas renova secretaria general al capdavant de l\u2019Agrupaci\u00f3 Socialista de Santa Margalida.\">Xisco Bergas renova secretaria general al capdavant de l\u2019Agrupaci\u00f3 Socialista de Santa Margalida.<\/a><\/h3>\n\t\t\t<\/header>\n\t\t<\/div>\n\t\t<div class=\"post-content\">\n\t\t\t<a href=\"https:\/\/www.psib-psoe.org\/mallorca\/xisco-bergas-renova-secretaria-general-al-capdavant-de-lagrupacio-socialista-de-santa-margalida\/\" class=\"more-link\">Read More<\/a>\n\t\t<\/div>\n\t\t\t<aside class=\"post-bottom-meta hide\">\n\t\t<strong rel=\"author\" itemprop=\"author\" class=\"author vcard\"><span class=\"fn\">Albert<\/span><\/strong>\n\t\t<time class=\"date published time\" datetime=\"2025-07-28T11:01:09+02:00\" itemprop=\"datePublished\" content=\"2025-07-28T11:01:09+02:00\">28\/07\/2025<\/time>\n\t\t<meta itemprop=\"dateModified\" class=\"date updated\" content=\"2025-07-28T11:01:21+02:00\">\n\t\t<span class=\"hide\" itemprop=\"publisher\" itemscope itemtype=\"https:\/\/schema.org\/Organization\">\n\t\t\t<meta itemprop=\"name\" content=\"SocialistesdMca\">\n\t\t\t<span itemprop=\"logo\" itemscope itemtype=\"https:\/\/schema.org\/ImageObject\">\n\t\t\t\t<meta itemprop=\"url\" content=\"https:\/\/www.psib-psoe.org\/mallorca\/wp-content\/themes\/notio-wp\/assets\/img\/logo.png\">\n\t\t\t<\/span>\n\t\t\t<meta itemprop=\"url\" content=\"https:\/\/www.psib-psoe.org\/mallorca\/\">\n\t\t<\/span>\n\t\t\t\t<span class=\"hide\" itemprop=\"image\" itemscope itemtype=\"http:\/\/schema.org\/ImageObject\">\n\t\t\t<meta itemprop=\"url\" content=\"https:\/\/www.psib-psoe.org\/mallorca\/wp-content\/uploads\/Executiva-Sta-Margalida-2.jpeg\">\n\t\t\t<meta itemprop=\"width\" content=\"950\">\n\t\t\t<meta itemprop=\"height\" content=\"537\">\n\t\t<\/span>\n\t\t\t\t<meta itemscope itemprop=\"mainEntityOfPage\" itemtype=\"https:\/\/schema.org\/WebPage\" itemid=\"https:\/\/www.psib-psoe.org\/mallorca\/xisco-bergas-renova-secretaria-general-al-capdavant-de-lagrupacio-socialista-de-santa-margalida\/\">\n\t<\/aside>\n\t\t<\/article>\n<\/div>\n<div class=\"small-12 large-4 columns\">\n\t<article itemscope itemtype=\"http:\/\/schema.org\/Article\" class=\"post blog-style7 alt post-30144 type-post status-publish format-standard has-post-thumbnail hentry category-consell-de-mallorca category-federacio-de-mallorca category-federacio-de-mallorca-portada category-portada tag-amanda-fernandez tag-andreu-serra tag-ares-fernandez tag-bea-gamundi tag-biel-alomar tag-catalina-cladera tag-consell-de-mallorca tag-federacio-socialista-de-mallorca tag-jaume-mateu tag-javier-de-juan tag-joan-ferrer tag-juana-m-adrover tag-sofia-alonso\" role=\"article\">\n\t\t<figure class=\"post-gallery\"><img loading=\"lazy\" decoding=\"async\" width=\"600\" height=\"400\" src=\"https:\/\/www.psib-psoe.org\/mallorca\/wp-content\/uploads\/Javier-3-600x400.jpeg\" class=\"attachment-notio-general-x2 size-notio-general-x2 wp-post-image\" alt=\"\" srcset=\"https:\/\/www.psib-psoe.org\/mallorca\/wp-content\/uploads\/Javier-3-600x400.jpeg 600w, https:\/\/www.psib-psoe.org\/mallorca\/wp-content\/uploads\/Javier-3-300x200.jpeg 300w, https:\/\/www.psib-psoe.org\/mallorca\/wp-content\/uploads\/Javier-3-900x600.jpeg 900w, https:\/\/www.psib-psoe.org\/mallorca\/wp-content\/uploads\/Javier-3-20x13.jpeg 20w\" sizes=\"(max-width: 600px) 100vw, 600px\" \/><\/figure>\n\t\t<div class=\"blog-top\">\n\t\t\t<header class=\"post-title entry-header\">\n\t\t\t\t<aside class=\"post-meta cf\">\n\t\t28\/07\/2025 \/ <a href=\"https:\/\/www.psib-psoe.org\/mallorca\/category\/consell-de-mallorca\/\" rel=\"category tag\">Consell de Mallorca<\/a>, <a href=\"https:\/\/www.psib-psoe.org\/mallorca\/category\/federacio-de-mallorca\/\" rel=\"category tag\">Federaci\u00f3 de Mallorca<\/a>, <a href=\"https:\/\/www.psib-psoe.org\/mallorca\/category\/federacio-de-mallorca-portada\/\" rel=\"category tag\">Federaci\u00f3 de Mallorca - Portada<\/a>, <a href=\"https:\/\/www.psib-psoe.org\/mallorca\/category\/portada\/\" rel=\"category tag\">Portada<\/a><\/aside>\n\t\t\t\t<h3 itemprop=\"headline\"><a href=\"https:\/\/www.psib-psoe.org\/mallorca\/el-grup-socialista-al-consell-de-mallorca-agraeix-la-feina-i-el-compromis-social-del-conseller-electe-javier-de-juan-en-el-moment-del-seu-adeu\/\" title=\"El Grup Socialista al Consell de Mallorca agraeix la feina i el comprom\u00eds social del conseller electe Javier de Juan en el moment del seu adeu. \u00a0\">El Grup Socialista al Consell de Mallorca agraeix la feina i el comprom\u00eds social del conseller electe Javier de Juan en el moment del seu adeu. \u00a0<\/a><\/h3>\n\t\t\t<\/header>\n\t\t<\/div>\n\t\t<div class=\"post-content\">\n\t\t\t<a href=\"https:\/\/www.psib-psoe.org\/mallorca\/el-grup-socialista-al-consell-de-mallorca-agraeix-la-feina-i-el-compromis-social-del-conseller-electe-javier-de-juan-en-el-moment-del-seu-adeu\/\" class=\"more-link\">Read More<\/a>\n\t\t<\/div>\n\t\t\t<aside class=\"post-bottom-meta hide\">\n\t\t<strong rel=\"author\" itemprop=\"author\" class=\"author vcard\"><span class=\"fn\">Albert<\/span><\/strong>\n\t\t<time class=\"date published time\" datetime=\"2025-07-28T10:50:25+02:00\" itemprop=\"datePublished\" content=\"2025-07-28T10:50:25+02:00\">28\/07\/2025<\/time>\n\t\t<meta itemprop=\"dateModified\" class=\"date updated\" content=\"2025-07-28T10:50:37+02:00\">\n\t\t<span class=\"hide\" itemprop=\"publisher\" itemscope itemtype=\"https:\/\/schema.org\/Organization\">\n\t\t\t<meta itemprop=\"name\" content=\"SocialistesdMca\">\n\t\t\t<span itemprop=\"logo\" itemscope itemtype=\"https:\/\/schema.org\/ImageObject\">\n\t\t\t\t<meta itemprop=\"url\" content=\"https:\/\/www.psib-psoe.org\/mallorca\/wp-content\/themes\/notio-wp\/assets\/img\/logo.png\">\n\t\t\t<\/span>\n\t\t\t<meta itemprop=\"url\" content=\"https:\/\/www.psib-psoe.org\/mallorca\/\">\n\t\t<\/span>\n\t\t\t\t<span class=\"hide\" itemprop=\"image\" itemscope itemtype=\"http:\/\/schema.org\/ImageObject\">\n\t\t\t<meta itemprop=\"url\" content=\"https:\/\/www.psib-psoe.org\/mallorca\/wp-content\/uploads\/Javier-3.jpeg\">\n\t\t\t<meta itemprop=\"width\" content=\"1478\">\n\t\t\t<meta itemprop=\"height\" content=\"1138\">\n\t\t<\/span>\n\t\t\t\t<meta itemscope itemprop=\"mainEntityOfPage\" itemtype=\"https:\/\/schema.org\/WebPage\" itemid=\"https:\/\/www.psib-psoe.org\/mallorca\/el-grup-socialista-al-consell-de-mallorca-agraeix-la-feina-i-el-compromis-social-del-conseller-electe-javier-de-juan-en-el-moment-del-seu-adeu\/\">\n\t<\/aside>\n\t\t<\/article>\n<\/div>\n<div class=\"small-12 large-4 columns\">\n\t<article itemscope itemtype=\"http:\/\/schema.org\/Article\" class=\"post blog-style7 alt post-30141 type-post status-publish format-standard has-post-thumbnail hentry category-consell-de-mallorca category-federacio-de-mallorca category-federacio-de-mallorca-portada category-portada tag-amanda-fernandez tag-andreu-serra tag-ares-fernandez tag-bea-gamundi tag-biel-alomar tag-catalina-cladera tag-consell-de-mallorca tag-federacio-socialista-de-mallorca tag-jaume-mateu tag-javier-de-juan tag-joan-ferrer tag-juana-m-adrover tag-sofia-alonso\" role=\"article\">\n\t\t<figure class=\"post-gallery\"><img loading=\"lazy\" decoding=\"async\" width=\"600\" height=\"400\" src=\"https:\/\/www.psib-psoe.org\/mallorca\/wp-content\/uploads\/Sofia-Alonso-600x400.jpeg\" class=\"attachment-notio-general-x2 size-notio-general-x2 wp-post-image\" alt=\"\" srcset=\"https:\/\/www.psib-psoe.org\/mallorca\/wp-content\/uploads\/Sofia-Alonso-600x400.jpeg 600w, https:\/\/www.psib-psoe.org\/mallorca\/wp-content\/uploads\/Sofia-Alonso-300x200.jpeg 300w, https:\/\/www.psib-psoe.org\/mallorca\/wp-content\/uploads\/Sofia-Alonso-900x600.jpeg 900w, https:\/\/www.psib-psoe.org\/mallorca\/wp-content\/uploads\/Sofia-Alonso-20x13.jpeg 20w\" sizes=\"(max-width: 600px) 100vw, 600px\" \/><\/figure>\n\t\t<div class=\"blog-top\">\n\t\t\t<header class=\"post-title entry-header\">\n\t\t\t\t<aside class=\"post-meta cf\">\n\t\t26\/07\/2025 \/ <a href=\"https:\/\/www.psib-psoe.org\/mallorca\/category\/consell-de-mallorca\/\" rel=\"category tag\">Consell de Mallorca<\/a>, <a href=\"https:\/\/www.psib-psoe.org\/mallorca\/category\/federacio-de-mallorca\/\" rel=\"category tag\">Federaci\u00f3 de Mallorca<\/a>, <a href=\"https:\/\/www.psib-psoe.org\/mallorca\/category\/federacio-de-mallorca-portada\/\" rel=\"category tag\">Federaci\u00f3 de Mallorca - Portada<\/a>, <a href=\"https:\/\/www.psib-psoe.org\/mallorca\/category\/portada\/\" rel=\"category tag\">Portada<\/a><\/aside>\n\t\t\t\t<h3 itemprop=\"headline\"><a href=\"https:\/\/www.psib-psoe.org\/mallorca\/el-grup-socialista-soste-que-la-gestio-funesta-de-limas-i-la-instrumentalitzacio-de-la-infancia-migrant-inhabiliten-a-guillermo-sanchez-per-al-carrec\/\" title=\"El Grup Socialista sost\u00e9 que la gesti\u00f3 funesta de l\u2019IMAS i la instrumentalitzaci\u00f3 de la inf\u00e0ncia migrant inhabiliten a Guillermo S\u00e1nchez per al c\u00e0rrec.\">El Grup Socialista sost\u00e9 que la gesti\u00f3 funesta de l\u2019IMAS i la instrumentalitzaci\u00f3 de la inf\u00e0ncia migrant inhabiliten a Guillermo S\u00e1nchez per al c\u00e0rrec.<\/a><\/h3>\n\t\t\t<\/header>\n\t\t<\/div>\n\t\t<div class=\"post-content\">\n\t\t\t<a href=\"https:\/\/www.psib-psoe.org\/mallorca\/el-grup-socialista-soste-que-la-gestio-funesta-de-limas-i-la-instrumentalitzacio-de-la-infancia-migrant-inhabiliten-a-guillermo-sanchez-per-al-carrec\/\" class=\"more-link\">Read More<\/a>\n\t\t<\/div>\n\t\t\t<aside class=\"post-bottom-meta hide\">\n\t\t<strong rel=\"author\" itemprop=\"author\" class=\"author vcard\"><span class=\"fn\">Albert<\/span><\/strong>\n\t\t<time class=\"date published time\" datetime=\"2025-07-26T10:14:59+02:00\" itemprop=\"datePublished\" content=\"2025-07-26T10:14:59+02:00\">26\/07\/2025<\/time>\n\t\t<meta itemprop=\"dateModified\" class=\"date updated\" content=\"2025-07-26T10:15:11+02:00\">\n\t\t<span class=\"hide\" itemprop=\"publisher\" itemscope itemtype=\"https:\/\/schema.org\/Organization\">\n\t\t\t<meta itemprop=\"name\" content=\"SocialistesdMca\">\n\t\t\t<span itemprop=\"logo\" itemscope itemtype=\"https:\/\/schema.org\/ImageObject\">\n\t\t\t\t<meta itemprop=\"url\" content=\"https:\/\/www.psib-psoe.org\/mallorca\/wp-content\/themes\/notio-wp\/assets\/img\/logo.png\">\n\t\t\t<\/span>\n\t\t\t<meta itemprop=\"url\" content=\"https:\/\/www.psib-psoe.org\/mallorca\/\">\n\t\t<\/span>\n\t\t\t\t<span class=\"hide\" itemprop=\"image\" itemscope itemtype=\"http:\/\/schema.org\/ImageObject\">\n\t\t\t<meta itemprop=\"url\" content=\"https:\/\/www.psib-psoe.org\/mallorca\/wp-content\/uploads\/Sofia-Alonso.jpeg\">\n\t\t\t<meta itemprop=\"width\" content=\"1600\">\n\t\t\t<meta itemprop=\"height\" content=\"1367\">\n\t\t<\/span>\n\t\t\t\t<meta itemscope itemprop=\"mainEntityOfPage\" itemtype=\"https:\/\/schema.org\/WebPage\" itemid=\"https:\/\/www.psib-psoe.org\/mallorca\/el-grup-socialista-soste-que-la-gestio-funesta-de-limas-i-la-instrumentalitzacio-de-la-infancia-migrant-inhabiliten-a-guillermo-sanchez-per-al-carrec\/\">\n\t<\/aside>\n\t\t<\/article>\n<\/div>\n<div class=\"small-12 large-4 columns\">\n\t<article itemscope itemtype=\"http:\/\/schema.org\/Article\" class=\"post blog-style7 alt post-30139 type-post status-publish format-standard has-post-thumbnail hentry category-consell-de-mallorca category-federacio-de-mallorca category-federacio-de-mallorca-portada category-portada tag-amanda-fernandez tag-andreu-serra tag-ares-fernandez tag-bea-gamundi tag-biel-alomar tag-catalina-cladera tag-consell-de-mallorca tag-federacio-socialista-de-mallorca tag-jaume-mateu tag-javier-de-juan tag-joan-ferrer tag-juana-m-adrover tag-sofia-alonso\" role=\"article\">\n\t\t<figure class=\"post-gallery\"><img loading=\"lazy\" decoding=\"async\" width=\"600\" height=\"400\" src=\"https:\/\/www.psib-psoe.org\/mallorca\/wp-content\/uploads\/Grup-DPG-2025-2-3-600x400.jpg\" class=\"attachment-notio-general-x2 size-notio-general-x2 wp-post-image\" alt=\"\" srcset=\"https:\/\/www.psib-psoe.org\/mallorca\/wp-content\/uploads\/Grup-DPG-2025-2-3-600x400.jpg 600w, https:\/\/www.psib-psoe.org\/mallorca\/wp-content\/uploads\/Grup-DPG-2025-2-3-300x200.jpg 300w, https:\/\/www.psib-psoe.org\/mallorca\/wp-content\/uploads\/Grup-DPG-2025-2-3-900x600.jpg 900w, https:\/\/www.psib-psoe.org\/mallorca\/wp-content\/uploads\/Grup-DPG-2025-2-3-20x13.jpg 20w\" sizes=\"(max-width: 600px) 100vw, 600px\" \/><\/figure>\n\t\t<div class=\"blog-top\">\n\t\t\t<header class=\"post-title entry-header\">\n\t\t\t\t<aside class=\"post-meta cf\">\n\t\t25\/07\/2025 \/ <a href=\"https:\/\/www.psib-psoe.org\/mallorca\/category\/consell-de-mallorca\/\" rel=\"category tag\">Consell de Mallorca<\/a>, <a href=\"https:\/\/www.psib-psoe.org\/mallorca\/category\/federacio-de-mallorca\/\" rel=\"category tag\">Federaci\u00f3 de Mallorca<\/a>, <a href=\"https:\/\/www.psib-psoe.org\/mallorca\/category\/federacio-de-mallorca-portada\/\" rel=\"category tag\">Federaci\u00f3 de Mallorca - Portada<\/a>, <a href=\"https:\/\/www.psib-psoe.org\/mallorca\/category\/portada\/\" rel=\"category tag\">Portada<\/a><\/aside>\n\t\t\t\t<h3 itemprop=\"headline\"><a href=\"https:\/\/www.psib-psoe.org\/mallorca\/el-consell-de-mallorca-ppvox-vol-camuflar-la-seva-deficient-gestio-del-trot-amb-falsedats-i-tergiversacions\/\" title=\"El Consell de Mallorca PPVox vol camuflar la seva deficient gesti\u00f3 del trot amb falsedats i tergiversacions.\u00a0\u00a0\">El Consell de Mallorca PPVox vol camuflar la seva deficient gesti\u00f3 del trot amb falsedats i tergiversacions.\u00a0\u00a0<\/a><\/h3>\n\t\t\t<\/header>\n\t\t<\/div>\n\t\t<div class=\"post-content\">\n\t\t\t<a href=\"https:\/\/www.psib-psoe.org\/mallorca\/el-consell-de-mallorca-ppvox-vol-camuflar-la-seva-deficient-gestio-del-trot-amb-falsedats-i-tergiversacions\/\" class=\"more-link\">Read More<\/a>\n\t\t<\/div>\n\t\t\t<aside class=\"post-bottom-meta hide\">\n\t\t<strong rel=\"author\" itemprop=\"author\" class=\"author vcard\"><span class=\"fn\">Albert<\/span><\/strong>\n\t\t<time class=\"date published time\" datetime=\"2025-07-25T16:10:51+02:00\" itemprop=\"datePublished\" content=\"2025-07-25T16:10:51+02:00\">25\/07\/2025<\/time>\n\t\t<meta itemprop=\"dateModified\" class=\"date updated\" content=\"2025-07-25T16:11:03+02:00\">\n\t\t<span class=\"hide\" itemprop=\"publisher\" itemscope itemtype=\"https:\/\/schema.org\/Organization\">\n\t\t\t<meta itemprop=\"name\" content=\"SocialistesdMca\">\n\t\t\t<span itemprop=\"logo\" itemscope itemtype=\"https:\/\/schema.org\/ImageObject\">\n\t\t\t\t<meta itemprop=\"url\" content=\"https:\/\/www.psib-psoe.org\/mallorca\/wp-content\/themes\/notio-wp\/assets\/img\/logo.png\">\n\t\t\t<\/span>\n\t\t\t<meta itemprop=\"url\" content=\"https:\/\/www.psib-psoe.org\/mallorca\/\">\n\t\t<\/span>\n\t\t\t\t<span class=\"hide\" itemprop=\"image\" itemscope itemtype=\"http:\/\/schema.org\/ImageObject\">\n\t\t\t<meta itemprop=\"url\" content=\"https:\/\/www.psib-psoe.org\/mallorca\/wp-content\/uploads\/Grup-DPG-2025-2-3.jpg\">\n\t\t\t<meta itemprop=\"width\" content=\"1328\">\n\t\t\t<meta itemprop=\"height\" content=\"614\">\n\t\t<\/span>\n\t\t\t\t<meta itemscope itemprop=\"mainEntityOfPage\" itemtype=\"https:\/\/schema.org\/WebPage\" itemid=\"https:\/\/www.psib-psoe.org\/mallorca\/el-consell-de-mallorca-ppvox-vol-camuflar-la-seva-deficient-gestio-del-trot-amb-falsedats-i-tergiversacions\/\">\n\t<\/aside>\n\t\t<\/article>\n<\/div>\n<div class=\"small-12 large-4 columns\">\n\t<article itemscope itemtype=\"http:\/\/schema.org\/Article\" class=\"post blog-style7 alt post-30137 type-post status-publish format-standard has-post-thumbnail hentry category-federacio-de-mallorca category-federacio-de-mallorca-portada category-municipis category-portada tag-agrupacio-socialista-de-felanitx tag-catalina-soler tag-federacio-socialista-de-mallorca tag-felanitx tag-maria-gracia-gonzalez tag-psib-psoe\" role=\"article\">\n\t\t<figure class=\"post-gallery\"><img loading=\"lazy\" decoding=\"async\" width=\"600\" height=\"400\" src=\"https:\/\/www.psib-psoe.org\/mallorca\/wp-content\/uploads\/210725_Foto-Arxiu-Gracia-Gonzalez-600x400.jpg\" class=\"attachment-notio-general-x2 size-notio-general-x2 wp-post-image\" alt=\"\" srcset=\"https:\/\/www.psib-psoe.org\/mallorca\/wp-content\/uploads\/210725_Foto-Arxiu-Gracia-Gonzalez-600x400.jpg 600w, https:\/\/www.psib-psoe.org\/mallorca\/wp-content\/uploads\/210725_Foto-Arxiu-Gracia-Gonzalez-300x200.jpg 300w, https:\/\/www.psib-psoe.org\/mallorca\/wp-content\/uploads\/210725_Foto-Arxiu-Gracia-Gonzalez-1024x683.jpg 1024w, https:\/\/www.psib-psoe.org\/mallorca\/wp-content\/uploads\/210725_Foto-Arxiu-Gracia-Gonzalez-768x512.jpg 768w, https:\/\/www.psib-psoe.org\/mallorca\/wp-content\/uploads\/210725_Foto-Arxiu-Gracia-Gonzalez-1536x1024.jpg 1536w, https:\/\/www.psib-psoe.org\/mallorca\/wp-content\/uploads\/210725_Foto-Arxiu-Gracia-Gonzalez-2048x1365.jpg 2048w, https:\/\/www.psib-psoe.org\/mallorca\/wp-content\/uploads\/210725_Foto-Arxiu-Gracia-Gonzalez-150x100.jpg 150w, https:\/\/www.psib-psoe.org\/mallorca\/wp-content\/uploads\/210725_Foto-Arxiu-Gracia-Gonzalez-900x600.jpg 900w, https:\/\/www.psib-psoe.org\/mallorca\/wp-content\/uploads\/210725_Foto-Arxiu-Gracia-Gonzalez-20x13.jpg 20w\" sizes=\"(max-width: 600px) 100vw, 600px\" \/><\/figure>\n\t\t<div class=\"blog-top\">\n\t\t\t<header class=\"post-title entry-header\">\n\t\t\t\t<aside class=\"post-meta cf\">\n\t\t25\/07\/2025 \/ <a href=\"https:\/\/www.psib-psoe.org\/mallorca\/category\/federacio-de-mallorca\/\" rel=\"category tag\">Federaci\u00f3 de Mallorca<\/a>, <a href=\"https:\/\/www.psib-psoe.org\/mallorca\/category\/federacio-de-mallorca-portada\/\" rel=\"category tag\">Federaci\u00f3 de Mallorca - Portada<\/a>, <a href=\"https:\/\/www.psib-psoe.org\/mallorca\/category\/municipis\/\" rel=\"category tag\">Municipis<\/a>, <a href=\"https:\/\/www.psib-psoe.org\/mallorca\/category\/portada\/\" rel=\"category tag\">Portada<\/a><\/aside>\n\t\t\t\t<h3 itemprop=\"headline\"><a href=\"https:\/\/www.psib-psoe.org\/mallorca\/el-grup-municipal-socialista-a-felanitx-demana-la-convocatoria-dun-ple-extraordinari-per-a-que-catalina-soler-aclareixi-els-fets-que-limputa-un-informe-de-la-policia-local\/\" title=\"El Grup Municipal Socialista a Felanitx demana la convocat\u00f2ria d\u2019un ple extraordinari per a qu\u00e8 Catalina Soler aclareixi els fets que l\u2019imputa un informe de la Policia Local.\">El Grup Municipal Socialista a Felanitx demana la convocat\u00f2ria d\u2019un ple extraordinari per a qu\u00e8 Catalina Soler aclareixi els fets que l\u2019imputa un informe de la Policia Local.<\/a><\/h3>\n\t\t\t<\/header>\n\t\t<\/div>\n\t\t<div class=\"post-content\">\n\t\t\t<a href=\"https:\/\/www.psib-psoe.org\/mallorca\/el-grup-municipal-socialista-a-felanitx-demana-la-convocatoria-dun-ple-extraordinari-per-a-que-catalina-soler-aclareixi-els-fets-que-limputa-un-informe-de-la-policia-local\/\" class=\"more-link\">Read More<\/a>\n\t\t<\/div>\n\t\t\t<aside class=\"post-bottom-meta hide\">\n\t\t<strong rel=\"author\" itemprop=\"author\" class=\"author vcard\"><span class=\"fn\">Albert<\/span><\/strong>\n\t\t<time class=\"date published time\" datetime=\"2025-07-25T11:48:31+02:00\" itemprop=\"datePublished\" content=\"2025-07-25T11:48:31+02:00\">25\/07\/2025<\/time>\n\t\t<meta itemprop=\"dateModified\" class=\"date updated\" content=\"2025-07-25T11:48:43+02:00\">\n\t\t<span class=\"hide\" itemprop=\"publisher\" itemscope itemtype=\"https:\/\/schema.org\/Organization\">\n\t\t\t<meta itemprop=\"name\" content=\"SocialistesdMca\">\n\t\t\t<span itemprop=\"logo\" itemscope itemtype=\"https:\/\/schema.org\/ImageObject\">\n\t\t\t\t<meta itemprop=\"url\" content=\"https:\/\/www.psib-psoe.org\/mallorca\/wp-content\/themes\/notio-wp\/assets\/img\/logo.png\">\n\t\t\t<\/span>\n\t\t\t<meta itemprop=\"url\" content=\"https:\/\/www.psib-psoe.org\/mallorca\/\">\n\t\t<\/span>\n\t\t\t\t<span class=\"hide\" itemprop=\"image\" itemscope itemtype=\"http:\/\/schema.org\/ImageObject\">\n\t\t\t<meta itemprop=\"url\" content=\"https:\/\/www.psib-psoe.org\/mallorca\/wp-content\/uploads\/210725_Foto-Arxiu-Gracia-Gonzalez-scaled.jpg\">\n\t\t\t<meta itemprop=\"width\" content=\"2560\">\n\t\t\t<meta itemprop=\"height\" content=\"1707\">\n\t\t<\/span>\n\t\t\t\t<meta itemscope itemprop=\"mainEntityOfPage\" itemtype=\"https:\/\/schema.org\/WebPage\" itemid=\"https:\/\/www.psib-psoe.org\/mallorca\/el-grup-municipal-socialista-a-felanitx-demana-la-convocatoria-dun-ple-extraordinari-per-a-que-catalina-soler-aclareixi-els-fets-que-limputa-un-informe-de-la-policia-local\/\">\n\t<\/aside>\n\t\t<\/article>\n<\/div>\n<div class=\"small-12 large-4 columns\">\n\t<article itemscope itemtype=\"http:\/\/schema.org\/Article\" class=\"post blog-style7 alt post-30133 type-post status-publish format-standard has-post-thumbnail hentry category-federacio-de-mallorca category-federacio-de-mallorca-portada category-municipis category-portada tag-agrupacio-socialista-de-llubi tag-amanda-fernandez tag-ares-fernandez tag-bea-gamundi tag-federacio-socialista-de-mallorca tag-joan-mendez-2 tag-llubi tag-manuel-vega\" role=\"article\">\n\t\t<figure class=\"post-gallery\"><img loading=\"lazy\" decoding=\"async\" width=\"600\" height=\"400\" src=\"https:\/\/www.psib-psoe.org\/mallorca\/wp-content\/uploads\/Ex-edited-600x400.jpeg\" class=\"attachment-notio-general-x2 size-notio-general-x2 wp-post-image\" alt=\"\" srcset=\"https:\/\/www.psib-psoe.org\/mallorca\/wp-content\/uploads\/Ex-edited-600x400.jpeg 600w, https:\/\/www.psib-psoe.org\/mallorca\/wp-content\/uploads\/Ex-edited-300x200.jpeg 300w, https:\/\/www.psib-psoe.org\/mallorca\/wp-content\/uploads\/Ex-edited-900x600.jpeg 900w, https:\/\/www.psib-psoe.org\/mallorca\/wp-content\/uploads\/Ex-edited-20x13.jpeg 20w\" sizes=\"(max-width: 600px) 100vw, 600px\" \/><\/figure>\n\t\t<div class=\"blog-top\">\n\t\t\t<header class=\"post-title entry-header\">\n\t\t\t\t<aside class=\"post-meta cf\">\n\t\t25\/07\/2025 \/ <a href=\"https:\/\/www.psib-psoe.org\/mallorca\/category\/federacio-de-mallorca\/\" rel=\"category tag\">Federaci\u00f3 de Mallorca<\/a>, <a href=\"https:\/\/www.psib-psoe.org\/mallorca\/category\/federacio-de-mallorca-portada\/\" rel=\"category tag\">Federaci\u00f3 de Mallorca - Portada<\/a>, <a href=\"https:\/\/www.psib-psoe.org\/mallorca\/category\/municipis\/\" rel=\"category tag\">Municipis<\/a>, <a href=\"https:\/\/www.psib-psoe.org\/mallorca\/category\/portada\/\" rel=\"category tag\">Portada<\/a><\/aside>\n\t\t\t\t<h3 itemprop=\"headline\"><a href=\"https:\/\/www.psib-psoe.org\/mallorca\/manuel-vega-reelegit-secretari-general-de-lagrupacio-socialista-de-llubi\/\" title=\"Manuel Vega, reelegit Secretari General de l\u2019Agrupaci\u00f3 Socialista de Llub\u00ed.\">Manuel Vega, reelegit Secretari General de l\u2019Agrupaci\u00f3 Socialista de Llub\u00ed.<\/a><\/h3>\n\t\t\t<\/header>\n\t\t<\/div>\n\t\t<div class=\"post-content\">\n\t\t\t<a href=\"https:\/\/www.psib-psoe.org\/mallorca\/manuel-vega-reelegit-secretari-general-de-lagrupacio-socialista-de-llubi\/\" class=\"more-link\">Read More<\/a>\n\t\t<\/div>\n\t\t\t<aside class=\"post-bottom-meta hide\">\n\t\t<strong rel=\"author\" itemprop=\"author\" class=\"author vcard\"><span class=\"fn\">Albert<\/span><\/strong>\n\t\t<time class=\"date published time\" datetime=\"2025-07-25T10:59:04+02:00\" itemprop=\"datePublished\" content=\"2025-07-25T10:59:04+02:00\">25\/07\/2025<\/time>\n\t\t<meta itemprop=\"dateModified\" class=\"date updated\" content=\"2025-07-25T10:59:15+02:00\">\n\t\t<span class=\"hide\" itemprop=\"publisher\" itemscope itemtype=\"https:\/\/schema.org\/Organization\">\n\t\t\t<meta itemprop=\"name\" content=\"SocialistesdMca\">\n\t\t\t<span itemprop=\"logo\" itemscope itemtype=\"https:\/\/schema.org\/ImageObject\">\n\t\t\t\t<meta itemprop=\"url\" content=\"https:\/\/www.psib-psoe.org\/mallorca\/wp-content\/themes\/notio-wp\/assets\/img\/logo.png\">\n\t\t\t<\/span>\n\t\t\t<meta itemprop=\"url\" content=\"https:\/\/www.psib-psoe.org\/mallorca\/\">\n\t\t<\/span>\n\t\t\t\t<span class=\"hide\" itemprop=\"image\" itemscope itemtype=\"http:\/\/schema.org\/ImageObject\">\n\t\t\t<meta itemprop=\"url\" content=\"https:\/\/www.psib-psoe.org\/mallorca\/wp-content\/uploads\/Ex-edited.jpeg\">\n\t\t\t<meta itemprop=\"width\" content=\"1150\">\n\t\t\t<meta itemprop=\"height\" content=\"865\">\n\t\t<\/span>\n\t\t\t\t<meta itemscope itemprop=\"mainEntityOfPage\" itemtype=\"https:\/\/schema.org\/WebPage\" itemid=\"https:\/\/www.psib-psoe.org\/mallorca\/manuel-vega-reelegit-secretari-general-de-lagrupacio-socialista-de-llubi\/\">\n\t<\/aside>\n\t\t<\/article>\n<\/div>\n<div class=\"small-12 large-4 columns\">\n\t<article itemscope itemtype=\"http:\/\/schema.org\/Article\" class=\"post blog-style7 alt post-30129 type-post status-publish format-standard has-post-thumbnail hentry category-federacio-de-mallorca category-federacio-de-mallorca-portada category-municipis category-portada tag-agrupacio-socialista-de-son-servera tag-amanda-fernandez tag-ares-fernandez tag-federacio-socialista-de-mallorca tag-psib-psoe tag-reme-canadas\" role=\"article\">\n\t\t<figure class=\"post-gallery\"><img loading=\"lazy\" decoding=\"async\" width=\"600\" height=\"400\" src=\"https:\/\/www.psib-psoe.org\/mallorca\/wp-content\/uploads\/Amanda-i-Reme-600x400.jpeg\" class=\"attachment-notio-general-x2 size-notio-general-x2 wp-post-image\" alt=\"\" srcset=\"https:\/\/www.psib-psoe.org\/mallorca\/wp-content\/uploads\/Amanda-i-Reme-600x400.jpeg 600w, https:\/\/www.psib-psoe.org\/mallorca\/wp-content\/uploads\/Amanda-i-Reme-300x200.jpeg 300w, https:\/\/www.psib-psoe.org\/mallorca\/wp-content\/uploads\/Amanda-i-Reme-900x600.jpeg 900w, https:\/\/www.psib-psoe.org\/mallorca\/wp-content\/uploads\/Amanda-i-Reme-20x13.jpeg 20w\" sizes=\"(max-width: 600px) 100vw, 600px\" \/><\/figure>\n\t\t<div class=\"blog-top\">\n\t\t\t<header class=\"post-title entry-header\">\n\t\t\t\t<aside class=\"post-meta cf\">\n\t\t24\/07\/2025 \/ <a href=\"https:\/\/www.psib-psoe.org\/mallorca\/category\/federacio-de-mallorca\/\" rel=\"category tag\">Federaci\u00f3 de Mallorca<\/a>, <a href=\"https:\/\/www.psib-psoe.org\/mallorca\/category\/federacio-de-mallorca-portada\/\" rel=\"category tag\">Federaci\u00f3 de Mallorca - Portada<\/a>, <a href=\"https:\/\/www.psib-psoe.org\/mallorca\/category\/municipis\/\" rel=\"category tag\">Municipis<\/a>, <a href=\"https:\/\/www.psib-psoe.org\/mallorca\/category\/portada\/\" rel=\"category tag\">Portada<\/a><\/aside>\n\t\t\t\t<h3 itemprop=\"headline\"><a href=\"https:\/\/www.psib-psoe.org\/mallorca\/lajuntament-de-son-servera-tolera-lexhibicio-de-simbologia-feixista-i-lemes-masclistes-en-un-torneig-esportiu-municipal\/\" title=\"L\u2019Ajuntament de Son Servera tolera l\u2019exhibici\u00f3 de simbologia feixista i lemes masclistes en un torneig esportiu municipal. \u00a0\u00a0\u00a0 \u00a0\">L\u2019Ajuntament de Son Servera tolera l\u2019exhibici\u00f3 de simbologia feixista i lemes masclistes en un torneig esportiu municipal. \u00a0\u00a0\u00a0 \u00a0<\/a><\/h3>\n\t\t\t<\/header>\n\t\t<\/div>\n\t\t<div class=\"post-content\">\n\t\t\t<a href=\"https:\/\/www.psib-psoe.org\/mallorca\/lajuntament-de-son-servera-tolera-lexhibicio-de-simbologia-feixista-i-lemes-masclistes-en-un-torneig-esportiu-municipal\/\" class=\"more-link\">Read More<\/a>\n\t\t<\/div>\n\t\t\t<aside class=\"post-bottom-meta hide\">\n\t\t<strong rel=\"author\" itemprop=\"author\" class=\"author vcard\"><span class=\"fn\">Albert<\/span><\/strong>\n\t\t<time class=\"date published time\" datetime=\"2025-07-24T17:01:09+02:00\" itemprop=\"datePublished\" content=\"2025-07-24T17:01:09+02:00\">24\/07\/2025<\/time>\n\t\t<meta itemprop=\"dateModified\" class=\"date updated\" content=\"2025-07-24T17:01:21+02:00\">\n\t\t<span class=\"hide\" itemprop=\"publisher\" itemscope itemtype=\"https:\/\/schema.org\/Organization\">\n\t\t\t<meta itemprop=\"name\" content=\"SocialistesdMca\">\n\t\t\t<span itemprop=\"logo\" itemscope itemtype=\"https:\/\/schema.org\/ImageObject\">\n\t\t\t\t<meta itemprop=\"url\" content=\"https:\/\/www.psib-psoe.org\/mallorca\/wp-content\/themes\/notio-wp\/assets\/img\/logo.png\">\n\t\t\t<\/span>\n\t\t\t<meta itemprop=\"url\" content=\"https:\/\/www.psib-psoe.org\/mallorca\/\">\n\t\t<\/span>\n\t\t\t\t<span class=\"hide\" itemprop=\"image\" itemscope itemtype=\"http:\/\/schema.org\/ImageObject\">\n\t\t\t<meta itemprop=\"url\" content=\"https:\/\/www.psib-psoe.org\/mallorca\/wp-content\/uploads\/Amanda-i-Reme.jpeg\">\n\t\t\t<meta itemprop=\"width\" content=\"1536\">\n\t\t\t<meta itemprop=\"height\" content=\"2048\">\n\t\t<\/span>\n\t\t\t\t<meta itemscope itemprop=\"mainEntityOfPage\" itemtype=\"https:\/\/schema.org\/WebPage\" itemid=\"https:\/\/www.psib-psoe.org\/mallorca\/lajuntament-de-son-servera-tolera-lexhibicio-de-simbologia-feixista-i-lemes-masclistes-en-un-torneig-esportiu-municipal\/\">\n\t<\/aside>\n\t\t<\/article>\n<\/div>\n<div class=\"small-12 large-4 columns\">\n\t<article itemscope itemtype=\"http:\/\/schema.org\/Article\" class=\"post blog-style7 alt post-30126 type-post status-publish format-standard has-post-thumbnail hentry category-consell-de-mallorca category-federacio-de-mallorca category-federacio-de-mallorca-portada category-portada tag-amanda-fernandez tag-andreu-serra tag-ares-fernandez tag-bea-gamundi tag-biel-alomar tag-catalina-cladera tag-consell-de-mallorca tag-federacio-socialista-de-mallorca tag-jaume-mateu tag-javier-de-juan tag-joan-ferrer tag-juana-m-adrover tag-sofia-alonso\" role=\"article\">\n\t\t<figure class=\"post-gallery\"><img loading=\"lazy\" decoding=\"async\" width=\"600\" height=\"400\" src=\"https:\/\/www.psib-psoe.org\/mallorca\/wp-content\/uploads\/Grup-DPG-2025-2-3-600x400.jpg\" class=\"attachment-notio-general-x2 size-notio-general-x2 wp-post-image\" alt=\"\" srcset=\"https:\/\/www.psib-psoe.org\/mallorca\/wp-content\/uploads\/Grup-DPG-2025-2-3-600x400.jpg 600w, https:\/\/www.psib-psoe.org\/mallorca\/wp-content\/uploads\/Grup-DPG-2025-2-3-300x200.jpg 300w, https:\/\/www.psib-psoe.org\/mallorca\/wp-content\/uploads\/Grup-DPG-2025-2-3-900x600.jpg 900w, https:\/\/www.psib-psoe.org\/mallorca\/wp-content\/uploads\/Grup-DPG-2025-2-3-20x13.jpg 20w\" sizes=\"(max-width: 600px) 100vw, 600px\" \/><\/figure>\n\t\t<div class=\"blog-top\">\n\t\t\t<header class=\"post-title entry-header\">\n\t\t\t\t<aside class=\"post-meta cf\">\n\t\t24\/07\/2025 \/ <a href=\"https:\/\/www.psib-psoe.org\/mallorca\/category\/consell-de-mallorca\/\" rel=\"category tag\">Consell de Mallorca<\/a>, <a href=\"https:\/\/www.psib-psoe.org\/mallorca\/category\/federacio-de-mallorca\/\" rel=\"category tag\">Federaci\u00f3 de Mallorca<\/a>, <a href=\"https:\/\/www.psib-psoe.org\/mallorca\/category\/federacio-de-mallorca-portada\/\" rel=\"category tag\">Federaci\u00f3 de Mallorca - Portada<\/a>, <a href=\"https:\/\/www.psib-psoe.org\/mallorca\/category\/portada\/\" rel=\"category tag\">Portada<\/a><\/aside>\n\t\t\t\t<h3 itemprop=\"headline\"><a href=\"https:\/\/www.psib-psoe.org\/mallorca\/ppvox-boicoteja-el-control-del-grup-socialista-al-govern-de-galmes-al-consell-de-mallorca\/\" title=\"PPVox boicoteja el control del Grup Socialista al govern de Galm\u00e9s al Consell de Mallorca. \u00a0\u00a0\">PPVox boicoteja el control del Grup Socialista al govern de Galm\u00e9s al Consell de Mallorca. \u00a0\u00a0<\/a><\/h3>\n\t\t\t<\/header>\n\t\t<\/div>\n\t\t<div class=\"post-content\">\n\t\t\t<a href=\"https:\/\/www.psib-psoe.org\/mallorca\/ppvox-boicoteja-el-control-del-grup-socialista-al-govern-de-galmes-al-consell-de-mallorca\/\" class=\"more-link\">Read More<\/a>\n\t\t<\/div>\n\t\t\t<aside class=\"post-bottom-meta hide\">\n\t\t<strong rel=\"author\" itemprop=\"author\" class=\"author vcard\"><span class=\"fn\">Albert<\/span><\/strong>\n\t\t<time class=\"date published time\" datetime=\"2025-07-24T16:22:21+02:00\" itemprop=\"datePublished\" content=\"2025-07-24T16:22:21+02:00\">24\/07\/2025<\/time>\n\t\t<meta itemprop=\"dateModified\" class=\"date updated\" content=\"2025-07-24T16:22:32+02:00\">\n\t\t<span class=\"hide\" itemprop=\"publisher\" itemscope itemtype=\"https:\/\/schema.org\/Organization\">\n\t\t\t<meta itemprop=\"name\" content=\"SocialistesdMca\">\n\t\t\t<span itemprop=\"logo\" itemscope itemtype=\"https:\/\/schema.org\/ImageObject\">\n\t\t\t\t<meta itemprop=\"url\" content=\"https:\/\/www.psib-psoe.org\/mallorca\/wp-content\/themes\/notio-wp\/assets\/img\/logo.png\">\n\t\t\t<\/span>\n\t\t\t<meta itemprop=\"url\" content=\"https:\/\/www.psib-psoe.org\/mallorca\/\">\n\t\t<\/span>\n\t\t\t\t<span class=\"hide\" itemprop=\"image\" itemscope itemtype=\"http:\/\/schema.org\/ImageObject\">\n\t\t\t<meta itemprop=\"url\" content=\"https:\/\/www.psib-psoe.org\/mallorca\/wp-content\/uploads\/Grup-DPG-2025-2-3.jpg\">\n\t\t\t<meta itemprop=\"width\" content=\"1328\">\n\t\t\t<meta itemprop=\"height\" content=\"614\">\n\t\t<\/span>\n\t\t\t\t<meta itemscope itemprop=\"mainEntityOfPage\" itemtype=\"https:\/\/schema.org\/WebPage\" itemid=\"https:\/\/www.psib-psoe.org\/mallorca\/ppvox-boicoteja-el-control-del-grup-socialista-al-govern-de-galmes-al-consell-de-mallorca\/\">\n\t<\/aside>\n\t\t<\/article>\n<\/div>\n<div class=\"small-12 large-4 columns\">\n\t<article itemscope itemtype=\"http:\/\/schema.org\/Article\" class=\"post blog-style7 alt post-30123 type-post status-publish format-standard has-post-thumbnail hentry category-consell-de-mallorca category-federacio-de-mallorca category-federacio-de-mallorca-portada category-portada tag-amanda-fernandez tag-andreu-serra tag-ares-fernandez tag-bea-gamundi tag-biel-alomar tag-catalina-cladera tag-consell-de-mallorca tag-federacio-socialista-de-mallorca tag-jaume-mateu tag-javier-de-juan tag-joan-ferrer tag-juana-m-adrover tag-sofia-alonso\" role=\"article\">\n\t\t<figure class=\"post-gallery\"><img loading=\"lazy\" decoding=\"async\" width=\"600\" height=\"400\" src=\"https:\/\/www.psib-psoe.org\/mallorca\/wp-content\/uploads\/Jaume-Mateu-600x400.jpeg\" class=\"attachment-notio-general-x2 size-notio-general-x2 wp-post-image\" alt=\"\" srcset=\"https:\/\/www.psib-psoe.org\/mallorca\/wp-content\/uploads\/Jaume-Mateu-600x400.jpeg 600w, https:\/\/www.psib-psoe.org\/mallorca\/wp-content\/uploads\/Jaume-Mateu-300x200.jpeg 300w, https:\/\/www.psib-psoe.org\/mallorca\/wp-content\/uploads\/Jaume-Mateu-1024x682.jpeg 1024w, https:\/\/www.psib-psoe.org\/mallorca\/wp-content\/uploads\/Jaume-Mateu-768x512.jpeg 768w, https:\/\/www.psib-psoe.org\/mallorca\/wp-content\/uploads\/Jaume-Mateu-1536x1024.jpeg 1536w, https:\/\/www.psib-psoe.org\/mallorca\/wp-content\/uploads\/Jaume-Mateu-2048x1365.jpeg 2048w, https:\/\/www.psib-psoe.org\/mallorca\/wp-content\/uploads\/Jaume-Mateu-150x100.jpeg 150w, https:\/\/www.psib-psoe.org\/mallorca\/wp-content\/uploads\/Jaume-Mateu-900x600.jpeg 900w, https:\/\/www.psib-psoe.org\/mallorca\/wp-content\/uploads\/Jaume-Mateu-20x13.jpeg 20w\" sizes=\"(max-width: 600px) 100vw, 600px\" \/><\/figure>\n\t\t<div class=\"blog-top\">\n\t\t\t<header class=\"post-title entry-header\">\n\t\t\t\t<aside class=\"post-meta cf\">\n\t\t24\/07\/2025 \/ <a href=\"https:\/\/www.psib-psoe.org\/mallorca\/category\/consell-de-mallorca\/\" rel=\"category tag\">Consell de Mallorca<\/a>, <a href=\"https:\/\/www.psib-psoe.org\/mallorca\/category\/federacio-de-mallorca\/\" rel=\"category tag\">Federaci\u00f3 de Mallorca<\/a>, <a href=\"https:\/\/www.psib-psoe.org\/mallorca\/category\/federacio-de-mallorca-portada\/\" rel=\"category tag\">Federaci\u00f3 de Mallorca - Portada<\/a>, <a href=\"https:\/\/www.psib-psoe.org\/mallorca\/category\/portada\/\" rel=\"category tag\">Portada<\/a><\/aside>\n\t\t\t\t<h3 itemprop=\"headline\"><a href=\"https:\/\/www.psib-psoe.org\/mallorca\/jaume-mateu-sincorpora-al-grup-socialista-al-consell-de-mallorca\/\" title=\"Jaume Mateu s\u2019incorpora al Grup Socialista al Consell de Mallorca.\">Jaume Mateu s\u2019incorpora al Grup Socialista al Consell de Mallorca.<\/a><\/h3>\n\t\t\t<\/header>\n\t\t<\/div>\n\t\t<div class=\"post-content\">\n\t\t\t<a href=\"https:\/\/www.psib-psoe.org\/mallorca\/jaume-mateu-sincorpora-al-grup-socialista-al-consell-de-mallorca\/\" class=\"more-link\">Read More<\/a>\n\t\t<\/div>\n\t\t\t<aside class=\"post-bottom-meta hide\">\n\t\t<strong rel=\"author\" itemprop=\"author\" class=\"author vcard\"><span class=\"fn\">Albert<\/span><\/strong>\n\t\t<time class=\"date published time\" datetime=\"2025-07-24T15:37:00+02:00\" itemprop=\"datePublished\" content=\"2025-07-24T15:37:00+02:00\">24\/07\/2025<\/time>\n\t\t<meta itemprop=\"dateModified\" class=\"date updated\" content=\"2025-07-24T15:37:12+02:00\">\n\t\t<span class=\"hide\" itemprop=\"publisher\" itemscope itemtype=\"https:\/\/schema.org\/Organization\">\n\t\t\t<meta itemprop=\"name\" content=\"SocialistesdMca\">\n\t\t\t<span itemprop=\"logo\" itemscope itemtype=\"https:\/\/schema.org\/ImageObject\">\n\t\t\t\t<meta itemprop=\"url\" content=\"https:\/\/www.psib-psoe.org\/mallorca\/wp-content\/themes\/notio-wp\/assets\/img\/logo.png\">\n\t\t\t<\/span>\n\t\t\t<meta itemprop=\"url\" content=\"https:\/\/www.psib-psoe.org\/mallorca\/\">\n\t\t<\/span>\n\t\t\t\t<span class=\"hide\" itemprop=\"image\" itemscope itemtype=\"http:\/\/schema.org\/ImageObject\">\n\t\t\t<meta itemprop=\"url\" content=\"https:\/\/www.psib-psoe.org\/mallorca\/wp-content\/uploads\/Jaume-Mateu.jpeg\">\n\t\t\t<meta itemprop=\"width\" content=\"2560\">\n\t\t\t<meta itemprop=\"height\" content=\"1706\">\n\t\t<\/span>\n\t\t\t\t<meta itemscope itemprop=\"mainEntityOfPage\" itemtype=\"https:\/\/schema.org\/WebPage\" itemid=\"https:\/\/www.psib-psoe.org\/mallorca\/jaume-mateu-sincorpora-al-grup-socialista-al-consell-de-mallorca\/\">\n\t<\/aside>\n\t\t<\/article>\n<\/div>\n<div class=\"small-12 large-4 columns\">\n\t<article itemscope itemtype=\"http:\/\/schema.org\/Article\" class=\"post blog-style7 alt post-30120 type-post status-publish format-standard has-post-thumbnail hentry category-federacio-de-mallorca category-federacio-de-mallorca-portada category-municipis category-portada tag-catalina-perello tag-cati-perello tag-federacio-socialista-de-mallorca tag-pilar-sanso tag-psib-psoe tag-sant-joan\" role=\"article\">\n\t\t<figure class=\"post-gallery\"><img loading=\"lazy\" decoding=\"async\" width=\"600\" height=\"400\" src=\"https:\/\/www.psib-psoe.org\/mallorca\/wp-content\/uploads\/240725_Foto-Grup-Sant-Joan-600x400.jpeg\" class=\"attachment-notio-general-x2 size-notio-general-x2 wp-post-image\" alt=\"\" srcset=\"https:\/\/www.psib-psoe.org\/mallorca\/wp-content\/uploads\/240725_Foto-Grup-Sant-Joan-600x400.jpeg 600w, https:\/\/www.psib-psoe.org\/mallorca\/wp-content\/uploads\/240725_Foto-Grup-Sant-Joan-300x200.jpeg 300w, https:\/\/www.psib-psoe.org\/mallorca\/wp-content\/uploads\/240725_Foto-Grup-Sant-Joan-900x600.jpeg 900w, https:\/\/www.psib-psoe.org\/mallorca\/wp-content\/uploads\/240725_Foto-Grup-Sant-Joan-20x13.jpeg 20w\" sizes=\"(max-width: 600px) 100vw, 600px\" \/><\/figure>\n\t\t<div class=\"blog-top\">\n\t\t\t<header class=\"post-title entry-header\">\n\t\t\t\t<aside class=\"post-meta cf\">\n\t\t24\/07\/2025 \/ <a href=\"https:\/\/www.psib-psoe.org\/mallorca\/category\/federacio-de-mallorca\/\" rel=\"category tag\">Federaci\u00f3 de Mallorca<\/a>, <a href=\"https:\/\/www.psib-psoe.org\/mallorca\/category\/federacio-de-mallorca-portada\/\" rel=\"category tag\">Federaci\u00f3 de Mallorca - Portada<\/a>, <a href=\"https:\/\/www.psib-psoe.org\/mallorca\/category\/municipis\/\" rel=\"category tag\">Municipis<\/a>, <a href=\"https:\/\/www.psib-psoe.org\/mallorca\/category\/portada\/\" rel=\"category tag\">Portada<\/a><\/aside>\n\t\t\t\t<h3 itemprop=\"headline\"><a href=\"https:\/\/www.psib-psoe.org\/mallorca\/cati-perello-assumeix-la-secretaria-general-dels-socialistes-de-sant-joan-amb-lobjectiu-de-fer-creixer-lagrupacio-i-enfortir-el-projecte-socialista-al-poble\/\" title=\"Cati Perell\u00f3 assumeix la secretaria general dels Socialistes de Sant Joan amb l\u2019objectiu de \u201cfer cr\u00e9ixer l\u2019agrupaci\u00f3 i enfortir el projecte socialista al poble\u201d\">Cati Perell\u00f3 assumeix la secretaria general dels Socialistes de Sant Joan amb l\u2019objectiu de \u201cfer cr\u00e9ixer l\u2019agrupaci\u00f3 i enfortir el projecte socialista al poble\u201d<\/a><\/h3>\n\t\t\t<\/header>\n\t\t<\/div>\n\t\t<div class=\"post-content\">\n\t\t\t<a href=\"https:\/\/www.psib-psoe.org\/mallorca\/cati-perello-assumeix-la-secretaria-general-dels-socialistes-de-sant-joan-amb-lobjectiu-de-fer-creixer-lagrupacio-i-enfortir-el-projecte-socialista-al-poble\/\" class=\"more-link\">Read More<\/a>\n\t\t<\/div>\n\t\t\t<aside class=\"post-bottom-meta hide\">\n\t\t<strong rel=\"author\" itemprop=\"author\" class=\"author vcard\"><span class=\"fn\">Marc<\/span><\/strong>\n\t\t<time class=\"date published time\" datetime=\"2025-07-24T13:59:21+02:00\" itemprop=\"datePublished\" content=\"2025-07-24T13:59:21+02:00\">24\/07\/2025<\/time>\n\t\t<meta itemprop=\"dateModified\" class=\"date updated\" content=\"2025-07-24T13:59:33+02:00\">\n\t\t<span class=\"hide\" itemprop=\"publisher\" itemscope itemtype=\"https:\/\/schema.org\/Organization\">\n\t\t\t<meta itemprop=\"name\" content=\"SocialistesdMca\">\n\t\t\t<span itemprop=\"logo\" itemscope itemtype=\"https:\/\/schema.org\/ImageObject\">\n\t\t\t\t<meta itemprop=\"url\" content=\"https:\/\/www.psib-psoe.org\/mallorca\/wp-content\/themes\/notio-wp\/assets\/img\/logo.png\">\n\t\t\t<\/span>\n\t\t\t<meta itemprop=\"url\" content=\"https:\/\/www.psib-psoe.org\/mallorca\/\">\n\t\t<\/span>\n\t\t\t\t<span class=\"hide\" itemprop=\"image\" itemscope itemtype=\"http:\/\/schema.org\/ImageObject\">\n\t\t\t<meta itemprop=\"url\" content=\"https:\/\/www.psib-psoe.org\/mallorca\/wp-content\/uploads\/240725_Foto-Grup-Sant-Joan.jpeg\">\n\t\t\t<meta itemprop=\"width\" content=\"1536\">\n\t\t\t<meta itemprop=\"height\" content=\"2048\">\n\t\t<\/span>\n\t\t\t\t<meta itemscope itemprop=\"mainEntityOfPage\" itemtype=\"https:\/\/schema.org\/WebPage\" itemid=\"https:\/\/www.psib-psoe.org\/mallorca\/cati-perello-assumeix-la-secretaria-general-dels-socialistes-de-sant-joan-amb-lobjectiu-de-fer-creixer-lagrupacio-i-enfortir-el-projecte-socialista-al-poble\/\">\n\t<\/aside>\n\t\t<\/article>\n<\/div>\n<div class=\"small-12 large-4 columns\">\n\t<article itemscope itemtype=\"http:\/\/schema.org\/Article\" class=\"post blog-style7 alt post-30117 type-post status-publish format-standard has-post-thumbnail hentry category-federacio-de-mallorca category-federacio-de-mallorca-portada category-municipis category-portada tag-amanda-fernandez tag-ares-fernandez tag-elsa-herranz tag-federacio-socialista-de-mallorca tag-jaume-j-oliver tag-llucmajor tag-socialistes-de-llucmajor\" role=\"article\">\n\t\t<figure class=\"post-gallery\"><img loading=\"lazy\" decoding=\"async\" width=\"567\" height=\"400\" src=\"https:\/\/www.psib-psoe.org\/mallorca\/wp-content\/uploads\/Fems-Maioris-567x400.jpg\" class=\"attachment-notio-general-x2 size-notio-general-x2 wp-post-image\" alt=\"\" srcset=\"https:\/\/www.psib-psoe.org\/mallorca\/wp-content\/uploads\/Fems-Maioris-567x400.jpg 567w, https:\/\/www.psib-psoe.org\/mallorca\/wp-content\/uploads\/Fems-Maioris-20x13.jpg 20w\" sizes=\"(max-width: 567px) 100vw, 567px\" \/><\/figure>\n\t\t<div class=\"blog-top\">\n\t\t\t<header class=\"post-title entry-header\">\n\t\t\t\t<aside class=\"post-meta cf\">\n\t\t23\/07\/2025 \/ <a href=\"https:\/\/www.psib-psoe.org\/mallorca\/category\/federacio-de-mallorca\/\" rel=\"category tag\">Federaci\u00f3 de Mallorca<\/a>, <a href=\"https:\/\/www.psib-psoe.org\/mallorca\/category\/federacio-de-mallorca-portada\/\" rel=\"category tag\">Federaci\u00f3 de Mallorca - Portada<\/a>, <a href=\"https:\/\/www.psib-psoe.org\/mallorca\/category\/municipis\/\" rel=\"category tag\">Municipis<\/a>, <a href=\"https:\/\/www.psib-psoe.org\/mallorca\/category\/portada\/\" rel=\"category tag\">Portada<\/a><\/aside>\n\t\t\t\t<h3 itemprop=\"headline\"><a href=\"https:\/\/www.psib-psoe.org\/mallorca\/els-socialistes-de-llucmajor-denuncien-lexclusio-de-loposicio-a-lacte-institucional-de-linstitut-de-maioris-i-la-neteja-expres-dels-fems-que-sacaramullen\/\" title=\"Els Socialistes de Llucmajor denuncien l\u2019exclusi\u00f3 de l\u2019oposici\u00f3 a l\u2019acte institucional de l\u2019institut de Maioris, i la neteja expr\u00e9s dels fems que s\u2019acaramullen a la urbanitzaci\u00f3 per la pres\u00e8ncia de Prohens.\">Els Socialistes de Llucmajor denuncien l\u2019exclusi\u00f3 de l\u2019oposici\u00f3 a l\u2019acte institucional de l\u2019institut de Maioris, i la neteja expr\u00e9s dels fems que s\u2019acaramullen a la urbanitzaci\u00f3 per la pres\u00e8ncia de Prohens.<\/a><\/h3>\n\t\t\t<\/header>\n\t\t<\/div>\n\t\t<div class=\"post-content\">\n\t\t\t<a href=\"https:\/\/www.psib-psoe.org\/mallorca\/els-socialistes-de-llucmajor-denuncien-lexclusio-de-loposicio-a-lacte-institucional-de-linstitut-de-maioris-i-la-neteja-expres-dels-fems-que-sacaramullen\/\" class=\"more-link\">Read More<\/a>\n\t\t<\/div>\n\t\t\t<aside class=\"post-bottom-meta hide\">\n\t\t<strong rel=\"author\" itemprop=\"author\" class=\"author vcard\"><span class=\"fn\">Albert<\/span><\/strong>\n\t\t<time class=\"date published time\" datetime=\"2025-07-23T14:11:46+02:00\" itemprop=\"datePublished\" content=\"2025-07-23T14:11:46+02:00\">23\/07\/2025<\/time>\n\t\t<meta itemprop=\"dateModified\" class=\"date updated\" content=\"2025-07-23T14:11:59+02:00\">\n\t\t<span class=\"hide\" itemprop=\"publisher\" itemscope itemtype=\"https:\/\/schema.org\/Organization\">\n\t\t\t<meta itemprop=\"name\" content=\"SocialistesdMca\">\n\t\t\t<span itemprop=\"logo\" itemscope itemtype=\"https:\/\/schema.org\/ImageObject\">\n\t\t\t\t<meta itemprop=\"url\" content=\"https:\/\/www.psib-psoe.org\/mallorca\/wp-content\/themes\/notio-wp\/assets\/img\/logo.png\">\n\t\t\t<\/span>\n\t\t\t<meta itemprop=\"url\" content=\"https:\/\/www.psib-psoe.org\/mallorca\/\">\n\t\t<\/span>\n\t\t\t\t<span class=\"hide\" itemprop=\"image\" itemscope itemtype=\"http:\/\/schema.org\/ImageObject\">\n\t\t\t<meta itemprop=\"url\" content=\"https:\/\/www.psib-psoe.org\/mallorca\/wp-content\/uploads\/Fems-Maioris.jpg\">\n\t\t\t<meta itemprop=\"width\" content=\"567\">\n\t\t\t<meta itemprop=\"height\" content=\"905\">\n\t\t<\/span>\n\t\t\t\t<meta itemscope itemprop=\"mainEntityOfPage\" itemtype=\"https:\/\/schema.org\/WebPage\" itemid=\"https:\/\/www.psib-psoe.org\/mallorca\/els-socialistes-de-llucmajor-denuncien-lexclusio-de-loposicio-a-lacte-institucional-de-linstitut-de-maioris-i-la-neteja-expres-dels-fems-que-sacaramullen\/\">\n\t<\/aside>\n\t\t<\/article>\n<\/div>\n<div class=\"small-12 large-4 columns\">\n\t<article itemscope itemtype=\"http:\/\/schema.org\/Article\" class=\"post blog-style7 alt post-30115 type-post status-publish format-standard has-post-thumbnail hentry category-federacio-de-mallorca category-federacio-de-mallorca-portada category-municipis category-portada tag-amanda-fernandez tag-ares-fernandez tag-bea-gamundi tag-catalina-cladera tag-guillem-ensenyat tag-per-estellencs tag-psib-psoe\" role=\"article\">\n\t\t<figure class=\"post-gallery\"><img loading=\"lazy\" decoding=\"async\" width=\"200\" height=\"179\" src=\"https:\/\/www.psib-psoe.org\/mallorca\/wp-content\/uploads\/Per-Estellencs.jpg\" class=\"attachment-notio-general-x2 size-notio-general-x2 wp-post-image\" alt=\"\" srcset=\"https:\/\/www.psib-psoe.org\/mallorca\/wp-content\/uploads\/Per-Estellencs.jpg 200w, https:\/\/www.psib-psoe.org\/mallorca\/wp-content\/uploads\/Per-Estellencs-20x18.jpg 20w, https:\/\/www.psib-psoe.org\/mallorca\/wp-content\/uploads\/Per-Estellencs-150x134.jpg 150w\" sizes=\"(max-width: 200px) 100vw, 200px\" \/><\/figure>\n\t\t<div class=\"blog-top\">\n\t\t\t<header class=\"post-title entry-header\">\n\t\t\t\t<aside class=\"post-meta cf\">\n\t\t23\/07\/2025 \/ <a href=\"https:\/\/www.psib-psoe.org\/mallorca\/category\/federacio-de-mallorca\/\" rel=\"category tag\">Federaci\u00f3 de Mallorca<\/a>, <a href=\"https:\/\/www.psib-psoe.org\/mallorca\/category\/federacio-de-mallorca-portada\/\" rel=\"category tag\">Federaci\u00f3 de Mallorca - Portada<\/a>, <a href=\"https:\/\/www.psib-psoe.org\/mallorca\/category\/municipis\/\" rel=\"category tag\">Municipis<\/a>, <a href=\"https:\/\/www.psib-psoe.org\/mallorca\/category\/portada\/\" rel=\"category tag\">Portada<\/a><\/aside>\n\t\t\t\t<h3 itemprop=\"headline\"><a href=\"https:\/\/www.psib-psoe.org\/mallorca\/lagrupacio-per-estellencs-proposa-crear-una-zona-de-prioritat-per-a-residents-per-garantir-laparcament-als-veins\/\" title=\"L\u2019Agrupaci\u00f3 \u2018Per Estellencs\u2019 proposa crear una Zona de Prioritat per a Residents per garantir l\u2019aparcament als ve\u00efns.\">L\u2019Agrupaci\u00f3 \u2018Per Estellencs\u2019 proposa crear una Zona de Prioritat per a Residents per garantir l\u2019aparcament als ve\u00efns.<\/a><\/h3>\n\t\t\t<\/header>\n\t\t<\/div>\n\t\t<div class=\"post-content\">\n\t\t\t<a href=\"https:\/\/www.psib-psoe.org\/mallorca\/lagrupacio-per-estellencs-proposa-crear-una-zona-de-prioritat-per-a-residents-per-garantir-laparcament-als-veins\/\" class=\"more-link\">Read More<\/a>\n\t\t<\/div>\n\t\t\t<aside class=\"post-bottom-meta hide\">\n\t\t<strong rel=\"author\" itemprop=\"author\" class=\"author vcard\"><span class=\"fn\">Albert<\/span><\/strong>\n\t\t<time class=\"date published time\" datetime=\"2025-07-23T12:23:49+02:00\" itemprop=\"datePublished\" content=\"2025-07-23T12:23:49+02:00\">23\/07\/2025<\/time>\n\t\t<meta itemprop=\"dateModified\" class=\"date updated\" content=\"2025-07-23T12:24:01+02:00\">\n\t\t<span class=\"hide\" itemprop=\"publisher\" itemscope itemtype=\"https:\/\/schema.org\/Organization\">\n\t\t\t<meta itemprop=\"name\" content=\"SocialistesdMca\">\n\t\t\t<span itemprop=\"logo\" itemscope itemtype=\"https:\/\/schema.org\/ImageObject\">\n\t\t\t\t<meta itemprop=\"url\" content=\"https:\/\/www.psib-psoe.org\/mallorca\/wp-content\/themes\/notio-wp\/assets\/img\/logo.png\">\n\t\t\t<\/span>\n\t\t\t<meta itemprop=\"url\" content=\"https:\/\/www.psib-psoe.org\/mallorca\/\">\n\t\t<\/span>\n\t\t\t\t<span class=\"hide\" itemprop=\"image\" itemscope itemtype=\"http:\/\/schema.org\/ImageObject\">\n\t\t\t<meta itemprop=\"url\" content=\"https:\/\/www.psib-psoe.org\/mallorca\/wp-content\/uploads\/Per-Estellencs.jpg\">\n\t\t\t<meta itemprop=\"width\" content=\"200\">\n\t\t\t<meta itemprop=\"height\" content=\"179\">\n\t\t<\/span>\n\t\t\t\t<meta itemscope itemprop=\"mainEntityOfPage\" itemtype=\"https:\/\/schema.org\/WebPage\" itemid=\"https:\/\/www.psib-psoe.org\/mallorca\/lagrupacio-per-estellencs-proposa-crear-una-zona-de-prioritat-per-a-residents-per-garantir-laparcament-als-veins\/\">\n\t<\/aside>\n\t\t<\/article>\n<\/div>\n<div class=\"small-12 large-4 columns\">\n\t<article itemscope itemtype=\"http:\/\/schema.org\/Article\" class=\"post blog-style7 alt post-30112 type-post status-publish format-standard has-post-thumbnail hentry category-federacio-de-mallorca category-federacio-de-mallorca-portada category-municipis category-portada tag-amanda-fernandez tag-ares-fernandez tag-bea-gamundi tag-federacio-socialista-de-mallorca tag-juana-m-adrover tag-santanyi tag-tino-davia\" role=\"article\">\n\t\t<figure class=\"post-gallery\"><img loading=\"lazy\" decoding=\"async\" width=\"600\" height=\"400\" src=\"https:\/\/www.psib-psoe.org\/mallorca\/wp-content\/uploads\/Assemblea-1-2-600x400.jpeg\" class=\"attachment-notio-general-x2 size-notio-general-x2 wp-post-image\" alt=\"\" srcset=\"https:\/\/www.psib-psoe.org\/mallorca\/wp-content\/uploads\/Assemblea-1-2-600x400.jpeg 600w, https:\/\/www.psib-psoe.org\/mallorca\/wp-content\/uploads\/Assemblea-1-2-300x200.jpeg 300w, https:\/\/www.psib-psoe.org\/mallorca\/wp-content\/uploads\/Assemblea-1-2-900x600.jpeg 900w, https:\/\/www.psib-psoe.org\/mallorca\/wp-content\/uploads\/Assemblea-1-2-20x13.jpeg 20w\" sizes=\"(max-width: 600px) 100vw, 600px\" \/><\/figure>\n\t\t<div class=\"blog-top\">\n\t\t\t<header class=\"post-title entry-header\">\n\t\t\t\t<aside class=\"post-meta cf\">\n\t\t23\/07\/2025 \/ <a href=\"https:\/\/www.psib-psoe.org\/mallorca\/category\/federacio-de-mallorca\/\" rel=\"category tag\">Federaci\u00f3 de Mallorca<\/a>, <a href=\"https:\/\/www.psib-psoe.org\/mallorca\/category\/federacio-de-mallorca-portada\/\" rel=\"category tag\">Federaci\u00f3 de Mallorca - Portada<\/a>, <a href=\"https:\/\/www.psib-psoe.org\/mallorca\/category\/municipis\/\" rel=\"category tag\">Municipis<\/a>, <a href=\"https:\/\/www.psib-psoe.org\/mallorca\/category\/portada\/\" rel=\"category tag\">Portada<\/a><\/aside>\n\t\t\t\t<h3 itemprop=\"headline\"><a href=\"https:\/\/www.psib-psoe.org\/mallorca\/tino-davia-nou-secretari-general-de-lagrupacio-socialista-de-santanyi\/\" title=\"Tino Davia, nou secretari general de l\u2019Agrupaci\u00f3 Socialista de Santany\u00ed.\">Tino Davia, nou secretari general de l\u2019Agrupaci\u00f3 Socialista de Santany\u00ed.<\/a><\/h3>\n\t\t\t<\/header>\n\t\t<\/div>\n\t\t<div class=\"post-content\">\n\t\t\t<a href=\"https:\/\/www.psib-psoe.org\/mallorca\/tino-davia-nou-secretari-general-de-lagrupacio-socialista-de-santanyi\/\" class=\"more-link\">Read More<\/a>\n\t\t<\/div>\n\t\t\t<aside class=\"post-bottom-meta hide\">\n\t\t<strong rel=\"author\" itemprop=\"author\" class=\"author vcard\"><span class=\"fn\">Albert<\/span><\/strong>\n\t\t<time class=\"date published time\" datetime=\"2025-07-23T11:12:04+02:00\" itemprop=\"datePublished\" content=\"2025-07-23T11:12:04+02:00\">23\/07\/2025<\/time>\n\t\t<meta itemprop=\"dateModified\" class=\"date updated\" content=\"2025-07-23T11:12:16+02:00\">\n\t\t<span class=\"hide\" itemprop=\"publisher\" itemscope itemtype=\"https:\/\/schema.org\/Organization\">\n\t\t\t<meta itemprop=\"name\" content=\"SocialistesdMca\">\n\t\t\t<span itemprop=\"logo\" itemscope itemtype=\"https:\/\/schema.org\/ImageObject\">\n\t\t\t\t<meta itemprop=\"url\" content=\"https:\/\/www.psib-psoe.org\/mallorca\/wp-content\/themes\/notio-wp\/assets\/img\/logo.png\">\n\t\t\t<\/span>\n\t\t\t<meta itemprop=\"url\" content=\"https:\/\/www.psib-psoe.org\/mallorca\/\">\n\t\t<\/span>\n\t\t\t\t<span class=\"hide\" itemprop=\"image\" itemscope itemtype=\"http:\/\/schema.org\/ImageObject\">\n\t\t\t<meta itemprop=\"url\" content=\"https:\/\/www.psib-psoe.org\/mallorca\/wp-content\/uploads\/Assemblea-1-2.jpeg\">\n\t\t\t<meta itemprop=\"width\" content=\"1600\">\n\t\t\t<meta itemprop=\"height\" content=\"1200\">\n\t\t<\/span>\n\t\t\t\t<meta itemscope itemprop=\"mainEntityOfPage\" itemtype=\"https:\/\/schema.org\/WebPage\" itemid=\"https:\/\/www.psib-psoe.org\/mallorca\/tino-davia-nou-secretari-general-de-lagrupacio-socialista-de-santanyi\/\">\n\t<\/aside>\n\t\t<\/article>\n<\/div>\n<div class=\"small-12 large-4 columns\">\n\t<article itemscope itemtype=\"http:\/\/schema.org\/Article\" class=\"post blog-style7 alt post-30098 type-post status-publish format-standard has-post-thumbnail hentry category-federacio-de-mallorca category-federacio-de-mallorca-portada category-municipis category-portada tag-amanda-fernandez tag-ares-fernandez tag-bea-gamundi tag-federacio-socialista-de-mallorca tag-joan-mendez tag-manolo-galan tag-maria-bel-llinas tag-paula-ginard tag-socialistes-darta\" role=\"article\">\n\t\t<figure class=\"post-gallery\"><img loading=\"lazy\" decoding=\"async\" width=\"600\" height=\"400\" src=\"https:\/\/www.psib-psoe.org\/mallorca\/wp-content\/uploads\/Assemblea-1-1-600x400.jpeg\" class=\"attachment-notio-general-x2 size-notio-general-x2 wp-post-image\" alt=\"\" srcset=\"https:\/\/www.psib-psoe.org\/mallorca\/wp-content\/uploads\/Assemblea-1-1-600x400.jpeg 600w, https:\/\/www.psib-psoe.org\/mallorca\/wp-content\/uploads\/Assemblea-1-1-300x200.jpeg 300w, https:\/\/www.psib-psoe.org\/mallorca\/wp-content\/uploads\/Assemblea-1-1-900x600.jpeg 900w, https:\/\/www.psib-psoe.org\/mallorca\/wp-content\/uploads\/Assemblea-1-1-20x13.jpeg 20w\" sizes=\"(max-width: 600px) 100vw, 600px\" \/><\/figure>\n\t\t<div class=\"blog-top\">\n\t\t\t<header class=\"post-title entry-header\">\n\t\t\t\t<aside class=\"post-meta cf\">\n\t\t22\/07\/2025 \/ <a href=\"https:\/\/www.psib-psoe.org\/mallorca\/category\/federacio-de-mallorca\/\" rel=\"category tag\">Federaci\u00f3 de Mallorca<\/a>, <a href=\"https:\/\/www.psib-psoe.org\/mallorca\/category\/federacio-de-mallorca-portada\/\" rel=\"category tag\">Federaci\u00f3 de Mallorca - Portada<\/a>, <a href=\"https:\/\/www.psib-psoe.org\/mallorca\/category\/municipis\/\" rel=\"category tag\">Municipis<\/a>, <a href=\"https:\/\/www.psib-psoe.org\/mallorca\/category\/portada\/\" rel=\"category tag\">Portada<\/a><\/aside>\n\t\t\t\t<h3 itemprop=\"headline\"><a href=\"https:\/\/www.psib-psoe.org\/mallorca\/els-socialistes-darta-trien-nova-executiva-per-a-lagrupacio-i-escullen-maria-bel-llinas-com-a-secretaria-general\/\" title=\"Els Socialistes d\u2019Art\u00e0 trien nova Executiva per a l\u2019Agrupaci\u00f3, i escullen Maria Bel Llin\u00e0s com a secret\u00e0ria general.\">Els Socialistes d\u2019Art\u00e0 trien nova Executiva per a l\u2019Agrupaci\u00f3, i escullen Maria Bel Llin\u00e0s com a secret\u00e0ria general.<\/a><\/h3>\n\t\t\t<\/header>\n\t\t<\/div>\n\t\t<div class=\"post-content\">\n\t\t\t<a href=\"https:\/\/www.psib-psoe.org\/mallorca\/els-socialistes-darta-trien-nova-executiva-per-a-lagrupacio-i-escullen-maria-bel-llinas-com-a-secretaria-general\/\" class=\"more-link\">Read More<\/a>\n\t\t<\/div>\n\t\t\t<aside class=\"post-bottom-meta hide\">\n\t\t<strong rel=\"author\" itemprop=\"author\" class=\"author vcard\"><span class=\"fn\">Albert<\/span><\/strong>\n\t\t<time class=\"date published time\" datetime=\"2025-07-22T11:48:31+02:00\" itemprop=\"datePublished\" content=\"2025-07-22T11:48:31+02:00\">22\/07\/2025<\/time>\n\t\t<meta itemprop=\"dateModified\" class=\"date updated\" content=\"2025-07-22T12:43:32+02:00\">\n\t\t<span class=\"hide\" itemprop=\"publisher\" itemscope itemtype=\"https:\/\/schema.org\/Organization\">\n\t\t\t<meta itemprop=\"name\" content=\"SocialistesdMca\">\n\t\t\t<span itemprop=\"logo\" itemscope itemtype=\"https:\/\/schema.org\/ImageObject\">\n\t\t\t\t<meta itemprop=\"url\" content=\"https:\/\/www.psib-psoe.org\/mallorca\/wp-content\/themes\/notio-wp\/assets\/img\/logo.png\">\n\t\t\t<\/span>\n\t\t\t<meta itemprop=\"url\" content=\"https:\/\/www.psib-psoe.org\/mallorca\/\">\n\t\t<\/span>\n\t\t\t\t<span class=\"hide\" itemprop=\"image\" itemscope itemtype=\"http:\/\/schema.org\/ImageObject\">\n\t\t\t<meta itemprop=\"url\" content=\"https:\/\/www.psib-psoe.org\/mallorca\/wp-content\/uploads\/Assemblea-1-1.jpeg\">\n\t\t\t<meta itemprop=\"width\" content=\"1600\">\n\t\t\t<meta itemprop=\"height\" content=\"1200\">\n\t\t<\/span>\n\t\t\t\t<meta itemscope itemprop=\"mainEntityOfPage\" itemtype=\"https:\/\/schema.org\/WebPage\" itemid=\"https:\/\/www.psib-psoe.org\/mallorca\/els-socialistes-darta-trien-nova-executiva-per-a-lagrupacio-i-escullen-maria-bel-llinas-com-a-secretaria-general\/\">\n\t<\/aside>\n\t\t<\/article>\n<\/div>\n<div class=\"small-12 large-4 columns\">\n\t<article itemscope itemtype=\"http:\/\/schema.org\/Article\" class=\"post blog-style7 alt post-30105 type-post status-publish format-standard has-post-thumbnail hentry category-federacio-de-mallorca category-federacio-de-mallorca-portada category-municipis category-portada tag-agrupacio-socialista-de-felanitx tag-catalina-soler tag-federacio-socialista-de-mallorca tag-felanitx tag-maria-gracia-gonzalez tag-psib-psoe\" role=\"article\">\n\t\t<figure class=\"post-gallery\"><img loading=\"lazy\" decoding=\"async\" width=\"600\" height=\"400\" src=\"https:\/\/www.psib-psoe.org\/mallorca\/wp-content\/uploads\/210725_Foto-Arxiu-Gracia-Gonzalez-600x400.jpg\" class=\"attachment-notio-general-x2 size-notio-general-x2 wp-post-image\" alt=\"\" srcset=\"https:\/\/www.psib-psoe.org\/mallorca\/wp-content\/uploads\/210725_Foto-Arxiu-Gracia-Gonzalez-600x400.jpg 600w, https:\/\/www.psib-psoe.org\/mallorca\/wp-content\/uploads\/210725_Foto-Arxiu-Gracia-Gonzalez-300x200.jpg 300w, https:\/\/www.psib-psoe.org\/mallorca\/wp-content\/uploads\/210725_Foto-Arxiu-Gracia-Gonzalez-1024x683.jpg 1024w, https:\/\/www.psib-psoe.org\/mallorca\/wp-content\/uploads\/210725_Foto-Arxiu-Gracia-Gonzalez-768x512.jpg 768w, https:\/\/www.psib-psoe.org\/mallorca\/wp-content\/uploads\/210725_Foto-Arxiu-Gracia-Gonzalez-1536x1024.jpg 1536w, https:\/\/www.psib-psoe.org\/mallorca\/wp-content\/uploads\/210725_Foto-Arxiu-Gracia-Gonzalez-2048x1365.jpg 2048w, https:\/\/www.psib-psoe.org\/mallorca\/wp-content\/uploads\/210725_Foto-Arxiu-Gracia-Gonzalez-150x100.jpg 150w, https:\/\/www.psib-psoe.org\/mallorca\/wp-content\/uploads\/210725_Foto-Arxiu-Gracia-Gonzalez-900x600.jpg 900w, https:\/\/www.psib-psoe.org\/mallorca\/wp-content\/uploads\/210725_Foto-Arxiu-Gracia-Gonzalez-20x13.jpg 20w\" sizes=\"(max-width: 600px) 100vw, 600px\" \/><\/figure>\n\t\t<div class=\"blog-top\">\n\t\t\t<header class=\"post-title entry-header\">\n\t\t\t\t<aside class=\"post-meta cf\">\n\t\t21\/07\/2025 \/ <a href=\"https:\/\/www.psib-psoe.org\/mallorca\/category\/federacio-de-mallorca\/\" rel=\"category tag\">Federaci\u00f3 de Mallorca<\/a>, <a href=\"https:\/\/www.psib-psoe.org\/mallorca\/category\/federacio-de-mallorca-portada\/\" rel=\"category tag\">Federaci\u00f3 de Mallorca - Portada<\/a>, <a href=\"https:\/\/www.psib-psoe.org\/mallorca\/category\/municipis\/\" rel=\"category tag\">Municipis<\/a>, <a href=\"https:\/\/www.psib-psoe.org\/mallorca\/category\/portada\/\" rel=\"category tag\">Portada<\/a><\/aside>\n\t\t\t\t<h3 itemprop=\"headline\"><a href=\"https:\/\/www.psib-psoe.org\/mallorca\/els-socialistes-de-felanitx-demanen-la-dimissio-immediata-de-la-batlessa-catalina-soler-per-amenacar-i-abusar-dautoritat-amb-un-agent-de-la-policia-local\/\" title=\"Els socialistes de Felanitx demanen la dimissi\u00f3 immediata de la batlessa, Catalina Soler, per amena\u00e7ar i abusar d\u2019autoritat amb un agent de la policia local\">Els socialistes de Felanitx demanen la dimissi\u00f3 immediata de la batlessa, Catalina Soler, per amena\u00e7ar i abusar d\u2019autoritat amb un agent de la policia local<\/a><\/h3>\n\t\t\t<\/header>\n\t\t<\/div>\n\t\t<div class=\"post-content\">\n\t\t\t<a href=\"https:\/\/www.psib-psoe.org\/mallorca\/els-socialistes-de-felanitx-demanen-la-dimissio-immediata-de-la-batlessa-catalina-soler-per-amenacar-i-abusar-dautoritat-amb-un-agent-de-la-policia-local\/\" class=\"more-link\">Read More<\/a>\n\t\t<\/div>\n\t\t\t<aside class=\"post-bottom-meta hide\">\n\t\t<strong rel=\"author\" itemprop=\"author\" class=\"author vcard\"><span class=\"fn\">Marc<\/span><\/strong>\n\t\t<time class=\"date published time\" datetime=\"2025-07-21T17:33:18+02:00\" itemprop=\"datePublished\" content=\"2025-07-21T17:33:18+02:00\">21\/07\/2025<\/time>\n\t\t<meta itemprop=\"dateModified\" class=\"date updated\" content=\"2025-07-21T17:33:30+02:00\">\n\t\t<span class=\"hide\" itemprop=\"publisher\" itemscope itemtype=\"https:\/\/schema.org\/Organization\">\n\t\t\t<meta itemprop=\"name\" content=\"SocialistesdMca\">\n\t\t\t<span itemprop=\"logo\" itemscope itemtype=\"https:\/\/schema.org\/ImageObject\">\n\t\t\t\t<meta itemprop=\"url\" content=\"https:\/\/www.psib-psoe.org\/mallorca\/wp-content\/themes\/notio-wp\/assets\/img\/logo.png\">\n\t\t\t<\/span>\n\t\t\t<meta itemprop=\"url\" content=\"https:\/\/www.psib-psoe.org\/mallorca\/\">\n\t\t<\/span>\n\t\t\t\t<span class=\"hide\" itemprop=\"image\" itemscope itemtype=\"http:\/\/schema.org\/ImageObject\">\n\t\t\t<meta itemprop=\"url\" content=\"https:\/\/www.psib-psoe.org\/mallorca\/wp-content\/uploads\/210725_Foto-Arxiu-Gracia-Gonzalez-scaled.jpg\">\n\t\t\t<meta itemprop=\"width\" content=\"2560\">\n\t\t\t<meta itemprop=\"height\" content=\"1707\">\n\t\t<\/span>\n\t\t\t\t<meta itemscope itemprop=\"mainEntityOfPage\" itemtype=\"https:\/\/schema.org\/WebPage\" itemid=\"https:\/\/www.psib-psoe.org\/mallorca\/els-socialistes-de-felanitx-demanen-la-dimissio-immediata-de-la-batlessa-catalina-soler-per-amenacar-i-abusar-dautoritat-amb-un-agent-de-la-policia-local\/\">\n\t<\/aside>\n\t\t<\/article>\n<\/div>\n<div class=\"small-12 large-4 columns\">\n\t<article itemscope itemtype=\"http:\/\/schema.org\/Article\" class=\"post blog-style7 alt post-30095 type-post status-publish format-standard has-post-thumbnail hentry category-federacio-de-mallorca category-federacio-de-mallorca-portada category-municipis category-portada tag-amanda-fernandez tag-ares-fernandez tag-bea-gamundi tag-federacio-socialista-de-mallorca tag-santanyi tag-tino-davia\" role=\"article\">\n\t\t<figure class=\"post-gallery\"><img loading=\"lazy\" decoding=\"async\" width=\"600\" height=\"400\" src=\"https:\/\/www.psib-psoe.org\/mallorca\/wp-content\/uploads\/Jornada-residus-2-600x400.jpeg\" class=\"attachment-notio-general-x2 size-notio-general-x2 wp-post-image\" alt=\"\" srcset=\"https:\/\/www.psib-psoe.org\/mallorca\/wp-content\/uploads\/Jornada-residus-2-600x400.jpeg 600w, https:\/\/www.psib-psoe.org\/mallorca\/wp-content\/uploads\/Jornada-residus-2-300x200.jpeg 300w, https:\/\/www.psib-psoe.org\/mallorca\/wp-content\/uploads\/Jornada-residus-2-900x600.jpeg 900w, https:\/\/www.psib-psoe.org\/mallorca\/wp-content\/uploads\/Jornada-residus-2-20x13.jpeg 20w\" sizes=\"(max-width: 600px) 100vw, 600px\" \/><\/figure>\n\t\t<div class=\"blog-top\">\n\t\t\t<header class=\"post-title entry-header\">\n\t\t\t\t<aside class=\"post-meta cf\">\n\t\t21\/07\/2025 \/ <a href=\"https:\/\/www.psib-psoe.org\/mallorca\/category\/federacio-de-mallorca\/\" rel=\"category tag\">Federaci\u00f3 de Mallorca<\/a>, <a href=\"https:\/\/www.psib-psoe.org\/mallorca\/category\/federacio-de-mallorca-portada\/\" rel=\"category tag\">Federaci\u00f3 de Mallorca - Portada<\/a>, <a href=\"https:\/\/www.psib-psoe.org\/mallorca\/category\/municipis\/\" rel=\"category tag\">Municipis<\/a>, <a href=\"https:\/\/www.psib-psoe.org\/mallorca\/category\/portada\/\" rel=\"category tag\">Portada<\/a><\/aside>\n\t\t\t\t<h3 itemprop=\"headline\"><a href=\"https:\/\/www.psib-psoe.org\/mallorca\/els-socialistes-de-santanyi-elevaran-al-ple-de-lajuntament-les-demandes-ciutadanes-per-millorar-el-sistema-de-recollida-de-residus-a-cala-dor\/\" title=\"Els Socialistes de Santany\u00ed elevaran al ple de l&#8217;Ajuntament les demandes ciutadanes per millorar el sistema de recollida de residus a Cala d&#8217;Or.\">Els Socialistes de Santany\u00ed elevaran al ple de l&#8217;Ajuntament les demandes ciutadanes per millorar el sistema de recollida de residus a Cala d&#8217;Or.<\/a><\/h3>\n\t\t\t<\/header>\n\t\t<\/div>\n\t\t<div class=\"post-content\">\n\t\t\t<a href=\"https:\/\/www.psib-psoe.org\/mallorca\/els-socialistes-de-santanyi-elevaran-al-ple-de-lajuntament-les-demandes-ciutadanes-per-millorar-el-sistema-de-recollida-de-residus-a-cala-dor\/\" class=\"more-link\">Read More<\/a>\n\t\t<\/div>\n\t\t\t<aside class=\"post-bottom-meta hide\">\n\t\t<strong rel=\"author\" itemprop=\"author\" class=\"author vcard\"><span class=\"fn\">Albert<\/span><\/strong>\n\t\t<time class=\"date published time\" datetime=\"2025-07-21T13:01:19+02:00\" itemprop=\"datePublished\" content=\"2025-07-21T13:01:19+02:00\">21\/07\/2025<\/time>\n\t\t<meta itemprop=\"dateModified\" class=\"date updated\" content=\"2025-07-21T13:01:31+02:00\">\n\t\t<span class=\"hide\" itemprop=\"publisher\" itemscope itemtype=\"https:\/\/schema.org\/Organization\">\n\t\t\t<meta itemprop=\"name\" content=\"SocialistesdMca\">\n\t\t\t<span itemprop=\"logo\" itemscope itemtype=\"https:\/\/schema.org\/ImageObject\">\n\t\t\t\t<meta itemprop=\"url\" content=\"https:\/\/www.psib-psoe.org\/mallorca\/wp-content\/themes\/notio-wp\/assets\/img\/logo.png\">\n\t\t\t<\/span>\n\t\t\t<meta itemprop=\"url\" content=\"https:\/\/www.psib-psoe.org\/mallorca\/\">\n\t\t<\/span>\n\t\t\t\t<span class=\"hide\" itemprop=\"image\" itemscope itemtype=\"http:\/\/schema.org\/ImageObject\">\n\t\t\t<meta itemprop=\"url\" content=\"https:\/\/www.psib-psoe.org\/mallorca\/wp-content\/uploads\/Jornada-residus-2.jpeg\">\n\t\t\t<meta itemprop=\"width\" content=\"1600\">\n\t\t\t<meta itemprop=\"height\" content=\"1200\">\n\t\t<\/span>\n\t\t\t\t<meta itemscope itemprop=\"mainEntityOfPage\" itemtype=\"https:\/\/schema.org\/WebPage\" itemid=\"https:\/\/www.psib-psoe.org\/mallorca\/els-socialistes-de-santanyi-elevaran-al-ple-de-lajuntament-les-demandes-ciutadanes-per-millorar-el-sistema-de-recollida-de-residus-a-cala-dor\/\">\n\t<\/aside>\n\t\t<\/article>\n<\/div>\n<div class=\"small-12 large-4 columns\">\n\t<article itemscope itemtype=\"http:\/\/schema.org\/Article\" class=\"post blog-style7 alt post-30086 type-post status-publish format-standard has-post-thumbnail hentry category-federacio-de-mallorca category-federacio-de-mallorca-portada category-municipis category-portada tag-agrupacio-socialista-de-son-servera tag-amanda-fernandez tag-ares-fernandez tag-bea-gamundi tag-federacio-socialista-de-mallorca tag-paula-ginard tag-psib-psoe tag-sofia-alonso tag-tolo-aguilar tag-xisco-arrom\" role=\"article\">\n\t\t<figure class=\"post-gallery\"><img loading=\"lazy\" decoding=\"async\" width=\"600\" height=\"400\" src=\"https:\/\/www.psib-psoe.org\/mallorca\/wp-content\/uploads\/Assemblea-3-600x400.jpeg\" class=\"attachment-notio-general-x2 size-notio-general-x2 wp-post-image\" alt=\"\" srcset=\"https:\/\/www.psib-psoe.org\/mallorca\/wp-content\/uploads\/Assemblea-3-600x400.jpeg 600w, https:\/\/www.psib-psoe.org\/mallorca\/wp-content\/uploads\/Assemblea-3-300x200.jpeg 300w, https:\/\/www.psib-psoe.org\/mallorca\/wp-content\/uploads\/Assemblea-3-900x600.jpeg 900w, https:\/\/www.psib-psoe.org\/mallorca\/wp-content\/uploads\/Assemblea-3-20x13.jpeg 20w\" sizes=\"(max-width: 600px) 100vw, 600px\" \/><\/figure>\n\t\t<div class=\"blog-top\">\n\t\t\t<header class=\"post-title entry-header\">\n\t\t\t\t<aside class=\"post-meta cf\">\n\t\t19\/07\/2025 \/ <a href=\"https:\/\/www.psib-psoe.org\/mallorca\/category\/federacio-de-mallorca\/\" rel=\"category tag\">Federaci\u00f3 de Mallorca<\/a>, <a href=\"https:\/\/www.psib-psoe.org\/mallorca\/category\/federacio-de-mallorca-portada\/\" rel=\"category tag\">Federaci\u00f3 de Mallorca - Portada<\/a>, <a href=\"https:\/\/www.psib-psoe.org\/mallorca\/category\/municipis\/\" rel=\"category tag\">Municipis<\/a>, <a href=\"https:\/\/www.psib-psoe.org\/mallorca\/category\/portada\/\" rel=\"category tag\">Portada<\/a><\/aside>\n\t\t\t\t<h3 itemprop=\"headline\"><a href=\"https:\/\/www.psib-psoe.org\/mallorca\/lagrupacio-socialista-de-lloret-escull-nova-executiva-que-encapcala-xisco-arrom-com-a-secretari-general-2\/\" title=\"L\u2019Agrupaci\u00f3 Socialista de Lloret escull nova executiva que encap\u00e7ala Xisco Arrom com a secretari general.\">L\u2019Agrupaci\u00f3 Socialista de Lloret escull nova executiva que encap\u00e7ala Xisco Arrom com a secretari general.<\/a><\/h3>\n\t\t\t<\/header>\n\t\t<\/div>\n\t\t<div class=\"post-content\">\n\t\t\t<a href=\"https:\/\/www.psib-psoe.org\/mallorca\/lagrupacio-socialista-de-lloret-escull-nova-executiva-que-encapcala-xisco-arrom-com-a-secretari-general-2\/\" class=\"more-link\">Read More<\/a>\n\t\t<\/div>\n\t\t\t<aside class=\"post-bottom-meta hide\">\n\t\t<strong rel=\"author\" itemprop=\"author\" class=\"author vcard\"><span class=\"fn\">Albert<\/span><\/strong>\n\t\t<time class=\"date published time\" datetime=\"2025-07-19T10:43:44+02:00\" itemprop=\"datePublished\" content=\"2025-07-19T10:43:44+02:00\">19\/07\/2025<\/time>\n\t\t<meta itemprop=\"dateModified\" class=\"date updated\" content=\"2025-07-20T11:06:29+02:00\">\n\t\t<span class=\"hide\" itemprop=\"publisher\" itemscope itemtype=\"https:\/\/schema.org\/Organization\">\n\t\t\t<meta itemprop=\"name\" content=\"SocialistesdMca\">\n\t\t\t<span itemprop=\"logo\" itemscope itemtype=\"https:\/\/schema.org\/ImageObject\">\n\t\t\t\t<meta itemprop=\"url\" content=\"https:\/\/www.psib-psoe.org\/mallorca\/wp-content\/themes\/notio-wp\/assets\/img\/logo.png\">\n\t\t\t<\/span>\n\t\t\t<meta itemprop=\"url\" content=\"https:\/\/www.psib-psoe.org\/mallorca\/\">\n\t\t<\/span>\n\t\t\t\t<span class=\"hide\" itemprop=\"image\" itemscope itemtype=\"http:\/\/schema.org\/ImageObject\">\n\t\t\t<meta itemprop=\"url\" content=\"https:\/\/www.psib-psoe.org\/mallorca\/wp-content\/uploads\/Assemblea-3.jpeg\">\n\t\t\t<meta itemprop=\"width\" content=\"2048\">\n\t\t\t<meta itemprop=\"height\" content=\"1536\">\n\t\t<\/span>\n\t\t\t\t<meta itemscope itemprop=\"mainEntityOfPage\" itemtype=\"https:\/\/schema.org\/WebPage\" itemid=\"https:\/\/www.psib-psoe.org\/mallorca\/lagrupacio-socialista-de-lloret-escull-nova-executiva-que-encapcala-xisco-arrom-com-a-secretari-general-2\/\">\n\t<\/aside>\n\t\t<\/article>\n<\/div>\n<div class=\"small-12 large-4 columns\">\n\t<article itemscope itemtype=\"http:\/\/schema.org\/Article\" class=\"post blog-style7 alt post-30082 type-post status-publish format-standard has-post-thumbnail hentry category-consell-de-mallorca category-federacio-de-mallorca category-federacio-de-mallorca-portada category-portada tag-amanda-fernandez tag-andreu-serra tag-ares-fernandez tag-bea-gamundi tag-biel-alomar tag-catalina-cladera tag-consell-de-mallorca tag-federacio-socialista-de-mallorca tag-javier-de-juan tag-joan-ferrer tag-juana-m-adrover tag-sofia-alonso\" role=\"article\">\n\t\t<figure class=\"post-gallery\"><img loading=\"lazy\" decoding=\"async\" width=\"600\" height=\"400\" src=\"https:\/\/www.psib-psoe.org\/mallorca\/wp-content\/uploads\/Grup-DPG-2025-2-2-600x400.jpg\" class=\"attachment-notio-general-x2 size-notio-general-x2 wp-post-image\" alt=\"\" srcset=\"https:\/\/www.psib-psoe.org\/mallorca\/wp-content\/uploads\/Grup-DPG-2025-2-2-600x400.jpg 600w, https:\/\/www.psib-psoe.org\/mallorca\/wp-content\/uploads\/Grup-DPG-2025-2-2-300x200.jpg 300w, https:\/\/www.psib-psoe.org\/mallorca\/wp-content\/uploads\/Grup-DPG-2025-2-2-900x600.jpg 900w, https:\/\/www.psib-psoe.org\/mallorca\/wp-content\/uploads\/Grup-DPG-2025-2-2-20x13.jpg 20w\" sizes=\"(max-width: 600px) 100vw, 600px\" \/><\/figure>\n\t\t<div class=\"blog-top\">\n\t\t\t<header class=\"post-title entry-header\">\n\t\t\t\t<aside class=\"post-meta cf\">\n\t\t18\/07\/2025 \/ <a href=\"https:\/\/www.psib-psoe.org\/mallorca\/category\/consell-de-mallorca\/\" rel=\"category tag\">Consell de Mallorca<\/a>, <a href=\"https:\/\/www.psib-psoe.org\/mallorca\/category\/federacio-de-mallorca\/\" rel=\"category tag\">Federaci\u00f3 de Mallorca<\/a>, <a href=\"https:\/\/www.psib-psoe.org\/mallorca\/category\/federacio-de-mallorca-portada\/\" rel=\"category tag\">Federaci\u00f3 de Mallorca - Portada<\/a>, <a href=\"https:\/\/www.psib-psoe.org\/mallorca\/category\/portada\/\" rel=\"category tag\">Portada<\/a><\/aside>\n\t\t\t\t<h3 itemprop=\"headline\"><a href=\"https:\/\/www.psib-psoe.org\/mallorca\/el-grup-socialista-exigeix-la-dimissio-de-guillermo-sanchez-com-a-president-de-limas-un-esser-que-menysprea-els-drets-humans-de-menors-dedat-no-pot-gestionar-serveis-social\/\" title=\"El Grup Socialista exigeix la dimissi\u00f3 de Guillermo S\u00e1nchez com a president de l\u2019IMAS: \u201cun \u00e9sser que menysprea els Drets Humans de menors d\u2019edat no pot gestionar serveis socials\u201d.\">El Grup Socialista exigeix la dimissi\u00f3 de Guillermo S\u00e1nchez com a president de l\u2019IMAS: \u201cun \u00e9sser que menysprea els Drets Humans de menors d\u2019edat no pot gestionar serveis socials\u201d.<\/a><\/h3>\n\t\t\t<\/header>\n\t\t<\/div>\n\t\t<div class=\"post-content\">\n\t\t\t<a href=\"https:\/\/www.psib-psoe.org\/mallorca\/el-grup-socialista-exigeix-la-dimissio-de-guillermo-sanchez-com-a-president-de-limas-un-esser-que-menysprea-els-drets-humans-de-menors-dedat-no-pot-gestionar-serveis-social\/\" class=\"more-link\">Read More<\/a>\n\t\t<\/div>\n\t\t\t<aside class=\"post-bottom-meta hide\">\n\t\t<strong rel=\"author\" itemprop=\"author\" class=\"author vcard\"><span class=\"fn\">Albert<\/span><\/strong>\n\t\t<time class=\"date published time\" datetime=\"2025-07-18T14:52:53+02:00\" itemprop=\"datePublished\" content=\"2025-07-18T14:52:53+02:00\">18\/07\/2025<\/time>\n\t\t<meta itemprop=\"dateModified\" class=\"date updated\" content=\"2025-07-18T14:53:05+02:00\">\n\t\t<span class=\"hide\" itemprop=\"publisher\" itemscope itemtype=\"https:\/\/schema.org\/Organization\">\n\t\t\t<meta itemprop=\"name\" content=\"SocialistesdMca\">\n\t\t\t<span itemprop=\"logo\" itemscope itemtype=\"https:\/\/schema.org\/ImageObject\">\n\t\t\t\t<meta itemprop=\"url\" content=\"https:\/\/www.psib-psoe.org\/mallorca\/wp-content\/themes\/notio-wp\/assets\/img\/logo.png\">\n\t\t\t<\/span>\n\t\t\t<meta itemprop=\"url\" content=\"https:\/\/www.psib-psoe.org\/mallorca\/\">\n\t\t<\/span>\n\t\t\t\t<span class=\"hide\" itemprop=\"image\" itemscope itemtype=\"http:\/\/schema.org\/ImageObject\">\n\t\t\t<meta itemprop=\"url\" content=\"https:\/\/www.psib-psoe.org\/mallorca\/wp-content\/uploads\/Grup-DPG-2025-2-2.jpg\">\n\t\t\t<meta itemprop=\"width\" content=\"1328\">\n\t\t\t<meta itemprop=\"height\" content=\"614\">\n\t\t<\/span>\n\t\t\t\t<meta itemscope itemprop=\"mainEntityOfPage\" itemtype=\"https:\/\/schema.org\/WebPage\" itemid=\"https:\/\/www.psib-psoe.org\/mallorca\/el-grup-socialista-exigeix-la-dimissio-de-guillermo-sanchez-com-a-president-de-limas-un-esser-que-menysprea-els-drets-humans-de-menors-dedat-no-pot-gestionar-serveis-social\/\">\n\t<\/aside>\n\t\t<\/article>\n<\/div>\n<div class=\"small-12 large-4 columns\">\n\t<article itemscope itemtype=\"http:\/\/schema.org\/Article\" class=\"post blog-style7 alt post-30079 type-post status-publish format-standard has-post-thumbnail hentry category-federacio-de-mallorca category-federacio-de-mallorca-portada category-municipis category-portada tag-agrupacio-socialista-marratxi tag-amanda-fernandez tag-ares-fernandez tag-catalina-cladera tag-cosme-bonet tag-iago-negueruela tag-miquel-cabot tag-psib-psoe tag-rosario-sanchez tag-sofia-alonso tag-tolo-aguilar tag-xisco-dalmau\" role=\"article\">\n\t\t<figure class=\"post-gallery\"><img loading=\"lazy\" decoding=\"async\" width=\"600\" height=\"400\" src=\"https:\/\/www.psib-psoe.org\/mallorca\/wp-content\/uploads\/Executiva-i-carrecs-600x400.jpeg\" class=\"attachment-notio-general-x2 size-notio-general-x2 wp-post-image\" alt=\"\" srcset=\"https:\/\/www.psib-psoe.org\/mallorca\/wp-content\/uploads\/Executiva-i-carrecs-600x400.jpeg 600w, https:\/\/www.psib-psoe.org\/mallorca\/wp-content\/uploads\/Executiva-i-carrecs-300x200.jpeg 300w, https:\/\/www.psib-psoe.org\/mallorca\/wp-content\/uploads\/Executiva-i-carrecs-900x600.jpeg 900w, https:\/\/www.psib-psoe.org\/mallorca\/wp-content\/uploads\/Executiva-i-carrecs-20x13.jpeg 20w\" sizes=\"(max-width: 600px) 100vw, 600px\" \/><\/figure>\n\t\t<div class=\"blog-top\">\n\t\t\t<header class=\"post-title entry-header\">\n\t\t\t\t<aside class=\"post-meta cf\">\n\t\t18\/07\/2025 \/ <a href=\"https:\/\/www.psib-psoe.org\/mallorca\/category\/federacio-de-mallorca\/\" rel=\"category tag\">Federaci\u00f3 de Mallorca<\/a>, <a href=\"https:\/\/www.psib-psoe.org\/mallorca\/category\/federacio-de-mallorca-portada\/\" rel=\"category tag\">Federaci\u00f3 de Mallorca - Portada<\/a>, <a href=\"https:\/\/www.psib-psoe.org\/mallorca\/category\/municipis\/\" rel=\"category tag\">Municipis<\/a>, <a href=\"https:\/\/www.psib-psoe.org\/mallorca\/category\/portada\/\" rel=\"category tag\">Portada<\/a><\/aside>\n\t\t\t\t<h3 itemprop=\"headline\"><a href=\"https:\/\/www.psib-psoe.org\/mallorca\/miquel-cabot-liderara-els-socialistes-de-marratxi-fins-2029\/\" title=\"Miquel Cabot liderar\u00e0 els Socialistes de Marratx\u00ed fins 2029.\">Miquel Cabot liderar\u00e0 els Socialistes de Marratx\u00ed fins 2029.<\/a><\/h3>\n\t\t\t<\/header>\n\t\t<\/div>\n\t\t<div class=\"post-content\">\n\t\t\t<a href=\"https:\/\/www.psib-psoe.org\/mallorca\/miquel-cabot-liderara-els-socialistes-de-marratxi-fins-2029\/\" class=\"more-link\">Read More<\/a>\n\t\t<\/div>\n\t\t\t<aside class=\"post-bottom-meta hide\">\n\t\t<strong rel=\"author\" itemprop=\"author\" class=\"author vcard\"><span class=\"fn\">Albert<\/span><\/strong>\n\t\t<time class=\"date published time\" datetime=\"2025-07-18T10:16:19+02:00\" itemprop=\"datePublished\" content=\"2025-07-18T10:16:19+02:00\">18\/07\/2025<\/time>\n\t\t<meta itemprop=\"dateModified\" class=\"date updated\" content=\"2025-07-18T10:16:31+02:00\">\n\t\t<span class=\"hide\" itemprop=\"publisher\" itemscope itemtype=\"https:\/\/schema.org\/Organization\">\n\t\t\t<meta itemprop=\"name\" content=\"SocialistesdMca\">\n\t\t\t<span itemprop=\"logo\" itemscope itemtype=\"https:\/\/schema.org\/ImageObject\">\n\t\t\t\t<meta itemprop=\"url\" content=\"https:\/\/www.psib-psoe.org\/mallorca\/wp-content\/themes\/notio-wp\/assets\/img\/logo.png\">\n\t\t\t<\/span>\n\t\t\t<meta itemprop=\"url\" content=\"https:\/\/www.psib-psoe.org\/mallorca\/\">\n\t\t<\/span>\n\t\t\t\t<span class=\"hide\" itemprop=\"image\" itemscope itemtype=\"http:\/\/schema.org\/ImageObject\">\n\t\t\t<meta itemprop=\"url\" content=\"https:\/\/www.psib-psoe.org\/mallorca\/wp-content\/uploads\/Executiva-i-carrecs.jpeg\">\n\t\t\t<meta itemprop=\"width\" content=\"1600\">\n\t\t\t<meta itemprop=\"height\" content=\"1200\">\n\t\t<\/span>\n\t\t\t\t<meta itemscope itemprop=\"mainEntityOfPage\" itemtype=\"https:\/\/schema.org\/WebPage\" itemid=\"https:\/\/www.psib-psoe.org\/mallorca\/miquel-cabot-liderara-els-socialistes-de-marratxi-fins-2029\/\">\n\t<\/aside>\n\t\t<\/article>\n<\/div>\n<div class=\"small-12 large-4 columns\">\n\t<article itemscope itemtype=\"http:\/\/schema.org\/Article\" class=\"post blog-style7 alt post-30075 type-post status-publish format-standard has-post-thumbnail hentry category-federacio-de-mallorca category-federacio-de-mallorca-portada category-municipis category-portada tag-agrupacio-socialista-de-valldemossa tag-amanda-fernandez tag-ares-fernandez tag-catalina-cladera tag-jaume-x-rossello tag-javier-de-juan tag-psib-psoe tag-teresa-suarez tag-tolo-aguilar tag-xisco-dalmau\" role=\"article\">\n\t\t<figure class=\"post-gallery\"><img loading=\"lazy\" decoding=\"async\" width=\"600\" height=\"400\" src=\"https:\/\/www.psib-psoe.org\/mallorca\/wp-content\/uploads\/FX-Rossello-600x400.jpeg\" class=\"attachment-notio-general-x2 size-notio-general-x2 wp-post-image\" alt=\"\" srcset=\"https:\/\/www.psib-psoe.org\/mallorca\/wp-content\/uploads\/FX-Rossello-600x400.jpeg 600w, https:\/\/www.psib-psoe.org\/mallorca\/wp-content\/uploads\/FX-Rossello-300x200.jpeg 300w, https:\/\/www.psib-psoe.org\/mallorca\/wp-content\/uploads\/FX-Rossello-900x600.jpeg 900w, https:\/\/www.psib-psoe.org\/mallorca\/wp-content\/uploads\/FX-Rossello-20x13.jpeg 20w\" sizes=\"(max-width: 600px) 100vw, 600px\" \/><\/figure>\n\t\t<div class=\"blog-top\">\n\t\t\t<header class=\"post-title entry-header\">\n\t\t\t\t<aside class=\"post-meta cf\">\n\t\t18\/07\/2025 \/ <a href=\"https:\/\/www.psib-psoe.org\/mallorca\/category\/federacio-de-mallorca\/\" rel=\"category tag\">Federaci\u00f3 de Mallorca<\/a>, <a href=\"https:\/\/www.psib-psoe.org\/mallorca\/category\/federacio-de-mallorca-portada\/\" rel=\"category tag\">Federaci\u00f3 de Mallorca - Portada<\/a>, <a href=\"https:\/\/www.psib-psoe.org\/mallorca\/category\/municipis\/\" rel=\"category tag\">Municipis<\/a>, <a href=\"https:\/\/www.psib-psoe.org\/mallorca\/category\/portada\/\" rel=\"category tag\">Portada<\/a><\/aside>\n\t\t\t\t<h3 itemprop=\"headline\"><a href=\"https:\/\/www.psib-psoe.org\/mallorca\/lagrupacio-socialista-de-valldemossa-escull-jaume-x-rossello-com-a-secretari-general\/\" title=\"L\u2019Agrupaci\u00f3 Socialista de Valldemossa escull Jaume X. Rossell\u00f3 com a secretari general.\">L\u2019Agrupaci\u00f3 Socialista de Valldemossa escull Jaume X. Rossell\u00f3 com a secretari general.<\/a><\/h3>\n\t\t\t<\/header>\n\t\t<\/div>\n\t\t<div class=\"post-content\">\n\t\t\t<a href=\"https:\/\/www.psib-psoe.org\/mallorca\/lagrupacio-socialista-de-valldemossa-escull-jaume-x-rossello-com-a-secretari-general\/\" class=\"more-link\">Read More<\/a>\n\t\t<\/div>\n\t\t\t<aside class=\"post-bottom-meta hide\">\n\t\t<strong rel=\"author\" itemprop=\"author\" class=\"author vcard\"><span class=\"fn\">Albert<\/span><\/strong>\n\t\t<time class=\"date published time\" datetime=\"2025-07-18T09:47:17+02:00\" itemprop=\"datePublished\" content=\"2025-07-18T09:47:17+02:00\">18\/07\/2025<\/time>\n\t\t<meta itemprop=\"dateModified\" class=\"date updated\" content=\"2025-07-18T09:47:29+02:00\">\n\t\t<span class=\"hide\" itemprop=\"publisher\" itemscope itemtype=\"https:\/\/schema.org\/Organization\">\n\t\t\t<meta itemprop=\"name\" content=\"SocialistesdMca\">\n\t\t\t<span itemprop=\"logo\" itemscope itemtype=\"https:\/\/schema.org\/ImageObject\">\n\t\t\t\t<meta itemprop=\"url\" content=\"https:\/\/www.psib-psoe.org\/mallorca\/wp-content\/themes\/notio-wp\/assets\/img\/logo.png\">\n\t\t\t<\/span>\n\t\t\t<meta itemprop=\"url\" content=\"https:\/\/www.psib-psoe.org\/mallorca\/\">\n\t\t<\/span>\n\t\t\t\t<span class=\"hide\" itemprop=\"image\" itemscope itemtype=\"http:\/\/schema.org\/ImageObject\">\n\t\t\t<meta itemprop=\"url\" content=\"https:\/\/www.psib-psoe.org\/mallorca\/wp-content\/uploads\/FX-Rossello.jpeg\">\n\t\t\t<meta itemprop=\"width\" content=\"1200\">\n\t\t\t<meta itemprop=\"height\" content=\"1600\">\n\t\t<\/span>\n\t\t\t\t<meta itemscope itemprop=\"mainEntityOfPage\" itemtype=\"https:\/\/schema.org\/WebPage\" itemid=\"https:\/\/www.psib-psoe.org\/mallorca\/lagrupacio-socialista-de-valldemossa-escull-jaume-x-rossello-com-a-secretari-general\/\">\n\t<\/aside>\n\t\t<\/article>\n<\/div>\n<div class=\"small-12 large-4 columns\">\n\t<article itemscope itemtype=\"http:\/\/schema.org\/Article\" class=\"post blog-style7 alt post-30071 type-post status-publish format-standard has-post-thumbnail hentry category-consell-de-mallorca category-federacio-de-mallorca category-federacio-de-mallorca-portada category-portada tag-amanda-fernandez tag-andreu-serra tag-ares-fernandez tag-bea-gamundi tag-biel-alomar tag-catalina-cladera tag-consell-de-mallorca tag-federacio-socialista-de-mallorca tag-javier-de-juan tag-joan-ferrer tag-juana-m-adrover tag-sofia-alonso\" role=\"article\">\n\t\t<figure class=\"post-gallery\"><img loading=\"lazy\" decoding=\"async\" width=\"600\" height=\"400\" src=\"https:\/\/www.psib-psoe.org\/mallorca\/wp-content\/uploads\/Rdp-Catalina-600x400.jpeg\" class=\"attachment-notio-general-x2 size-notio-general-x2 wp-post-image\" alt=\"\" srcset=\"https:\/\/www.psib-psoe.org\/mallorca\/wp-content\/uploads\/Rdp-Catalina-600x400.jpeg 600w, https:\/\/www.psib-psoe.org\/mallorca\/wp-content\/uploads\/Rdp-Catalina-300x200.jpeg 300w, https:\/\/www.psib-psoe.org\/mallorca\/wp-content\/uploads\/Rdp-Catalina-150x99.jpeg 150w, https:\/\/www.psib-psoe.org\/mallorca\/wp-content\/uploads\/Rdp-Catalina-20x13.jpeg 20w, https:\/\/www.psib-psoe.org\/mallorca\/wp-content\/uploads\/Rdp-Catalina-900x600.jpeg 900w\" sizes=\"(max-width: 600px) 100vw, 600px\" \/><\/figure>\n\t\t<div class=\"blog-top\">\n\t\t\t<header class=\"post-title entry-header\">\n\t\t\t\t<aside class=\"post-meta cf\">\n\t\t17\/07\/2025 \/ <a href=\"https:\/\/www.psib-psoe.org\/mallorca\/category\/consell-de-mallorca\/\" rel=\"category tag\">Consell de Mallorca<\/a>, <a href=\"https:\/\/www.psib-psoe.org\/mallorca\/category\/federacio-de-mallorca\/\" rel=\"category tag\">Federaci\u00f3 de Mallorca<\/a>, <a href=\"https:\/\/www.psib-psoe.org\/mallorca\/category\/federacio-de-mallorca-portada\/\" rel=\"category tag\">Federaci\u00f3 de Mallorca - Portada<\/a>, <a href=\"https:\/\/www.psib-psoe.org\/mallorca\/category\/portada\/\" rel=\"category tag\">Portada<\/a><\/aside>\n\t\t\t\t<h3 itemprop=\"headline\"><a href=\"https:\/\/www.psib-psoe.org\/mallorca\/el-grup-socialista-presenta-mes-de-230-propostes-al-consell-de-mallorca-per-revertir-dos-anys-dimmobilisme-de-ppvox\/\" title=\"El Grup Socialista presenta m\u00e9s de 230 propostes al Consell de Mallorca per revertir dos anys d\u2019immobilisme de PPVox.\">El Grup Socialista presenta m\u00e9s de 230 propostes al Consell de Mallorca per revertir dos anys d\u2019immobilisme de PPVox.<\/a><\/h3>\n\t\t\t<\/header>\n\t\t<\/div>\n\t\t<div class=\"post-content\">\n\t\t\t<a href=\"https:\/\/www.psib-psoe.org\/mallorca\/el-grup-socialista-presenta-mes-de-230-propostes-al-consell-de-mallorca-per-revertir-dos-anys-dimmobilisme-de-ppvox\/\" class=\"more-link\">Read More<\/a>\n\t\t<\/div>\n\t\t\t<aside class=\"post-bottom-meta hide\">\n\t\t<strong rel=\"author\" itemprop=\"author\" class=\"author vcard\"><span class=\"fn\">Albert<\/span><\/strong>\n\t\t<time class=\"date published time\" datetime=\"2025-07-17T14:47:22+02:00\" itemprop=\"datePublished\" content=\"2025-07-17T14:47:22+02:00\">17\/07\/2025<\/time>\n\t\t<meta itemprop=\"dateModified\" class=\"date updated\" content=\"2025-07-17T14:47:35+02:00\">\n\t\t<span class=\"hide\" itemprop=\"publisher\" itemscope itemtype=\"https:\/\/schema.org\/Organization\">\n\t\t\t<meta itemprop=\"name\" content=\"SocialistesdMca\">\n\t\t\t<span itemprop=\"logo\" itemscope itemtype=\"https:\/\/schema.org\/ImageObject\">\n\t\t\t\t<meta itemprop=\"url\" content=\"https:\/\/www.psib-psoe.org\/mallorca\/wp-content\/themes\/notio-wp\/assets\/img\/logo.png\">\n\t\t\t<\/span>\n\t\t\t<meta itemprop=\"url\" content=\"https:\/\/www.psib-psoe.org\/mallorca\/\">\n\t\t<\/span>\n\t\t\t\t<span class=\"hide\" itemprop=\"image\" itemscope itemtype=\"http:\/\/schema.org\/ImageObject\">\n\t\t\t<meta itemprop=\"url\" content=\"https:\/\/www.psib-psoe.org\/mallorca\/wp-content\/uploads\/Rdp-Catalina.jpeg\">\n\t\t\t<meta itemprop=\"width\" content=\"2560\">\n\t\t\t<meta itemprop=\"height\" content=\"1689\">\n\t\t<\/span>\n\t\t\t\t<meta itemscope itemprop=\"mainEntityOfPage\" itemtype=\"https:\/\/schema.org\/WebPage\" itemid=\"https:\/\/www.psib-psoe.org\/mallorca\/el-grup-socialista-presenta-mes-de-230-propostes-al-consell-de-mallorca-per-revertir-dos-anys-dimmobilisme-de-ppvox\/\">\n\t<\/aside>\n\t\t<\/article>\n<\/div>\n<div class=\"small-12 large-4 columns\">\n\t<article itemscope itemtype=\"http:\/\/schema.org\/Article\" class=\"post blog-style7 alt post-30069 type-post status-publish format-standard has-post-thumbnail hentry category-federacio-de-mallorca tag-federacio-socialista-de-mallorca\" role=\"article\">\n\t\t<figure class=\"post-gallery\"><img loading=\"lazy\" decoding=\"async\" width=\"600\" height=\"400\" src=\"https:\/\/www.psib-psoe.org\/mallorca\/wp-content\/uploads\/IMG_5771-812x750-1-600x400.jpg\" class=\"attachment-notio-general-x2 size-notio-general-x2 wp-post-image\" alt=\"\" srcset=\"https:\/\/www.psib-psoe.org\/mallorca\/wp-content\/uploads\/IMG_5771-812x750-1-600x400.jpg 600w, https:\/\/www.psib-psoe.org\/mallorca\/wp-content\/uploads\/IMG_5771-812x750-1-300x200.jpg 300w, https:\/\/www.psib-psoe.org\/mallorca\/wp-content\/uploads\/IMG_5771-812x750-1-20x13.jpg 20w\" sizes=\"(max-width: 600px) 100vw, 600px\" \/><\/figure>\n\t\t<div class=\"blog-top\">\n\t\t\t<header class=\"post-title entry-header\">\n\t\t\t\t<aside class=\"post-meta cf\">\n\t\t17\/07\/2025 \/ <a href=\"https:\/\/www.psib-psoe.org\/mallorca\/category\/federacio-de-mallorca\/\" rel=\"category tag\">Federaci\u00f3 de Mallorca<\/a><\/aside>\n\t\t\t\t<h3 itemprop=\"headline\"><a href=\"https:\/\/www.psib-psoe.org\/mallorca\/el-psib-psoe-denuncia-una-purga-del-conseller-deducacio-per-eliminar-assessors-que-no-son-afins-dels-centres-de-formacio-del-professorat\/\" title=\"El PSIB-PSOE denuncia una purga del conseller d\u2019Educaci\u00f3 per eliminar assessors que no s\u00f3n afins dels centres de formaci\u00f3 del professorat\">El PSIB-PSOE denuncia una purga del conseller d\u2019Educaci\u00f3 per eliminar assessors que no s\u00f3n afins dels centres de formaci\u00f3 del professorat<\/a><\/h3>\n\t\t\t<\/header>\n\t\t<\/div>\n\t\t<div class=\"post-content\">\n\t\t\t<a href=\"https:\/\/www.psib-psoe.org\/mallorca\/el-psib-psoe-denuncia-una-purga-del-conseller-deducacio-per-eliminar-assessors-que-no-son-afins-dels-centres-de-formacio-del-professorat\/\" class=\"more-link\">Read More<\/a>\n\t\t<\/div>\n\t\t\t<aside class=\"post-bottom-meta hide\">\n\t\t<strong rel=\"author\" itemprop=\"author\" class=\"author vcard\"><span class=\"fn\">adminpsib<\/span><\/strong>\n\t\t<time class=\"date published time\" datetime=\"2025-07-17T11:45:19+02:00\" itemprop=\"datePublished\" content=\"2025-07-17T11:45:19+02:00\">17\/07\/2025<\/time>\n\t\t<meta itemprop=\"dateModified\" class=\"date updated\" content=\"2025-07-17T11:45:19+02:00\">\n\t\t<span class=\"hide\" itemprop=\"publisher\" itemscope itemtype=\"https:\/\/schema.org\/Organization\">\n\t\t\t<meta itemprop=\"name\" content=\"SocialistesdMca\">\n\t\t\t<span itemprop=\"logo\" itemscope itemtype=\"https:\/\/schema.org\/ImageObject\">\n\t\t\t\t<meta itemprop=\"url\" content=\"https:\/\/www.psib-psoe.org\/mallorca\/wp-content\/themes\/notio-wp\/assets\/img\/logo.png\">\n\t\t\t<\/span>\n\t\t\t<meta itemprop=\"url\" content=\"https:\/\/www.psib-psoe.org\/mallorca\/\">\n\t\t<\/span>\n\t\t\t\t<span class=\"hide\" itemprop=\"image\" itemscope itemtype=\"http:\/\/schema.org\/ImageObject\">\n\t\t\t<meta itemprop=\"url\" content=\"https:\/\/www.psib-psoe.org\/mallorca\/wp-content\/uploads\/IMG_5771-812x750-1.jpg\">\n\t\t\t<meta itemprop=\"width\" content=\"812\">\n\t\t\t<meta itemprop=\"height\" content=\"750\">\n\t\t<\/span>\n\t\t\t\t<meta itemscope itemprop=\"mainEntityOfPage\" itemtype=\"https:\/\/schema.org\/WebPage\" itemid=\"https:\/\/www.psib-psoe.org\/mallorca\/el-psib-psoe-denuncia-una-purga-del-conseller-deducacio-per-eliminar-assessors-que-no-son-afins-dels-centres-de-formacio-del-professorat\/\">\n\t<\/aside>\n\t\t<\/article>\n<\/div>\n<div class=\"small-12 large-4 columns\">\n\t<article itemscope itemtype=\"http:\/\/schema.org\/Article\" class=\"post blog-style7 alt post-30066 type-post status-publish format-standard has-post-thumbnail hentry category-federacio-de-mallorca category-federacio-de-mallorca-portada category-municipis category-portada tag-amanda-fernandez tag-ares-fernandez tag-elsa-herranz tag-federacio-socialista-de-mallorca tag-iago-negueruela tag-jaume-j-oliver tag-juana-m-adrover tag-llucmajor tag-mercedes-garrido tag-socialistes-de-llucmajor\" role=\"article\">\n\t\t<figure class=\"post-gallery\"><img loading=\"lazy\" decoding=\"async\" width=\"600\" height=\"400\" src=\"https:\/\/www.psib-psoe.org\/mallorca\/wp-content\/uploads\/Executiva-600x400.jpeg\" class=\"attachment-notio-general-x2 size-notio-general-x2 wp-post-image\" alt=\"\" srcset=\"https:\/\/www.psib-psoe.org\/mallorca\/wp-content\/uploads\/Executiva-600x400.jpeg 600w, https:\/\/www.psib-psoe.org\/mallorca\/wp-content\/uploads\/Executiva-300x200.jpeg 300w, https:\/\/www.psib-psoe.org\/mallorca\/wp-content\/uploads\/Executiva-1024x683.jpeg 1024w, https:\/\/www.psib-psoe.org\/mallorca\/wp-content\/uploads\/Executiva-768x512.jpeg 768w, https:\/\/www.psib-psoe.org\/mallorca\/wp-content\/uploads\/Executiva-1536x1025.jpeg 1536w, https:\/\/www.psib-psoe.org\/mallorca\/wp-content\/uploads\/Executiva-150x100.jpeg 150w, https:\/\/www.psib-psoe.org\/mallorca\/wp-content\/uploads\/Executiva-900x600.jpeg 900w, https:\/\/www.psib-psoe.org\/mallorca\/wp-content\/uploads\/Executiva-20x13.jpeg 20w, https:\/\/www.psib-psoe.org\/mallorca\/wp-content\/uploads\/Executiva.jpeg 2048w\" sizes=\"(max-width: 600px) 100vw, 600px\" \/><\/figure>\n\t\t<div class=\"blog-top\">\n\t\t\t<header class=\"post-title entry-header\">\n\t\t\t\t<aside class=\"post-meta cf\">\n\t\t17\/07\/2025 \/ <a href=\"https:\/\/www.psib-psoe.org\/mallorca\/category\/federacio-de-mallorca\/\" rel=\"category tag\">Federaci\u00f3 de Mallorca<\/a>, <a href=\"https:\/\/www.psib-psoe.org\/mallorca\/category\/federacio-de-mallorca-portada\/\" rel=\"category tag\">Federaci\u00f3 de Mallorca - Portada<\/a>, <a href=\"https:\/\/www.psib-psoe.org\/mallorca\/category\/municipis\/\" rel=\"category tag\">Municipis<\/a>, <a href=\"https:\/\/www.psib-psoe.org\/mallorca\/category\/portada\/\" rel=\"category tag\">Portada<\/a><\/aside>\n\t\t\t\t<h3 itemprop=\"headline\"><a href=\"https:\/\/www.psib-psoe.org\/mallorca\/jaume-j-oliver-secretari-general-dels-socialistes-de-llucmajor-fins-2029\/\" title=\"Jaume J. Oliver, secretari general dels Socialistes de Llucmajor fins 2029.\">Jaume J. Oliver, secretari general dels Socialistes de Llucmajor fins 2029.<\/a><\/h3>\n\t\t\t<\/header>\n\t\t<\/div>\n\t\t<div class=\"post-content\">\n\t\t\t<a href=\"https:\/\/www.psib-psoe.org\/mallorca\/jaume-j-oliver-secretari-general-dels-socialistes-de-llucmajor-fins-2029\/\" class=\"more-link\">Read More<\/a>\n\t\t<\/div>\n\t\t\t<aside class=\"post-bottom-meta hide\">\n\t\t<strong rel=\"author\" itemprop=\"author\" class=\"author vcard\"><span class=\"fn\">Albert<\/span><\/strong>\n\t\t<time class=\"date published time\" datetime=\"2025-07-17T11:38:58+02:00\" itemprop=\"datePublished\" content=\"2025-07-17T11:38:58+02:00\">17\/07\/2025<\/time>\n\t\t<meta itemprop=\"dateModified\" class=\"date updated\" content=\"2025-07-17T11:39:09+02:00\">\n\t\t<span class=\"hide\" itemprop=\"publisher\" itemscope itemtype=\"https:\/\/schema.org\/Organization\">\n\t\t\t<meta itemprop=\"name\" content=\"SocialistesdMca\">\n\t\t\t<span itemprop=\"logo\" itemscope itemtype=\"https:\/\/schema.org\/ImageObject\">\n\t\t\t\t<meta itemprop=\"url\" content=\"https:\/\/www.psib-psoe.org\/mallorca\/wp-content\/themes\/notio-wp\/assets\/img\/logo.png\">\n\t\t\t<\/span>\n\t\t\t<meta itemprop=\"url\" content=\"https:\/\/www.psib-psoe.org\/mallorca\/\">\n\t\t<\/span>\n\t\t\t\t<span class=\"hide\" itemprop=\"image\" itemscope itemtype=\"http:\/\/schema.org\/ImageObject\">\n\t\t\t<meta itemprop=\"url\" content=\"https:\/\/www.psib-psoe.org\/mallorca\/wp-content\/uploads\/Executiva.jpeg\">\n\t\t\t<meta itemprop=\"width\" content=\"2048\">\n\t\t\t<meta itemprop=\"height\" content=\"1366\">\n\t\t<\/span>\n\t\t\t\t<meta itemscope itemprop=\"mainEntityOfPage\" itemtype=\"https:\/\/schema.org\/WebPage\" itemid=\"https:\/\/www.psib-psoe.org\/mallorca\/jaume-j-oliver-secretari-general-dels-socialistes-de-llucmajor-fins-2029\/\">\n\t<\/aside>\n\t\t<\/article>\n<\/div>\n<div class=\"small-12 large-4 columns\">\n\t<article itemscope itemtype=\"http:\/\/schema.org\/Article\" class=\"post blog-style7 alt post-30062 type-post status-publish format-standard has-post-thumbnail hentry category-consell-de-mallorca category-federacio-de-mallorca category-federacio-de-mallorca-portada category-portada tag-amanda-fernandez tag-catalina-cladera tag-consell-de-mallorca tag-federacio-socialista-de-mallorca tag-javier-de-juan tag-sofia-alonso\" role=\"article\">\n\t\t<figure class=\"post-gallery\"><img loading=\"lazy\" decoding=\"async\" width=\"600\" height=\"400\" src=\"https:\/\/www.psib-psoe.org\/mallorca\/wp-content\/uploads\/Sofia-Alonso-600x400.jpeg\" class=\"attachment-notio-general-x2 size-notio-general-x2 wp-post-image\" alt=\"\" srcset=\"https:\/\/www.psib-psoe.org\/mallorca\/wp-content\/uploads\/Sofia-Alonso-600x400.jpeg 600w, https:\/\/www.psib-psoe.org\/mallorca\/wp-content\/uploads\/Sofia-Alonso-300x200.jpeg 300w, https:\/\/www.psib-psoe.org\/mallorca\/wp-content\/uploads\/Sofia-Alonso-900x600.jpeg 900w, https:\/\/www.psib-psoe.org\/mallorca\/wp-content\/uploads\/Sofia-Alonso-20x13.jpeg 20w\" sizes=\"(max-width: 600px) 100vw, 600px\" \/><\/figure>\n\t\t<div class=\"blog-top\">\n\t\t\t<header class=\"post-title entry-header\">\n\t\t\t\t<aside class=\"post-meta cf\">\n\t\t16\/07\/2025 \/ <a href=\"https:\/\/www.psib-psoe.org\/mallorca\/category\/consell-de-mallorca\/\" rel=\"category tag\">Consell de Mallorca<\/a>, <a href=\"https:\/\/www.psib-psoe.org\/mallorca\/category\/federacio-de-mallorca\/\" rel=\"category tag\">Federaci\u00f3 de Mallorca<\/a>, <a href=\"https:\/\/www.psib-psoe.org\/mallorca\/category\/federacio-de-mallorca-portada\/\" rel=\"category tag\">Federaci\u00f3 de Mallorca - Portada<\/a>, <a href=\"https:\/\/www.psib-psoe.org\/mallorca\/category\/portada\/\" rel=\"category tag\">Portada<\/a><\/aside>\n\t\t\t\t<h3 itemprop=\"headline\"><a href=\"https:\/\/www.psib-psoe.org\/mallorca\/lequip-directiu-de-limas-incapac-de-donar-resposta-a-les-necessitats-de-gestio-dels-serveis-socials-que-reclamen-usuaris-i-treballadors\/\" title=\"L\u2019equip directiu de l\u2019IMAS, incapa\u00e7 de donar resposta a les necessitats de gesti\u00f3 dels serveis socials que reclamen usuaris i treballadors.\">L\u2019equip directiu de l\u2019IMAS, incapa\u00e7 de donar resposta a les necessitats de gesti\u00f3 dels serveis socials que reclamen usuaris i treballadors.<\/a><\/h3>\n\t\t\t<\/header>\n\t\t<\/div>\n\t\t<div class=\"post-content\">\n\t\t\t<a href=\"https:\/\/www.psib-psoe.org\/mallorca\/lequip-directiu-de-limas-incapac-de-donar-resposta-a-les-necessitats-de-gestio-dels-serveis-socials-que-reclamen-usuaris-i-treballadors\/\" class=\"more-link\">Read More<\/a>\n\t\t<\/div>\n\t\t\t<aside class=\"post-bottom-meta hide\">\n\t\t<strong rel=\"author\" itemprop=\"author\" class=\"author vcard\"><span class=\"fn\">Albert<\/span><\/strong>\n\t\t<time class=\"date published time\" datetime=\"2025-07-16T17:53:57+02:00\" itemprop=\"datePublished\" content=\"2025-07-16T17:53:57+02:00\">16\/07\/2025<\/time>\n\t\t<meta itemprop=\"dateModified\" class=\"date updated\" content=\"2025-07-16T17:54:09+02:00\">\n\t\t<span class=\"hide\" itemprop=\"publisher\" itemscope itemtype=\"https:\/\/schema.org\/Organization\">\n\t\t\t<meta itemprop=\"name\" content=\"SocialistesdMca\">\n\t\t\t<span itemprop=\"logo\" itemscope itemtype=\"https:\/\/schema.org\/ImageObject\">\n\t\t\t\t<meta itemprop=\"url\" content=\"https:\/\/www.psib-psoe.org\/mallorca\/wp-content\/themes\/notio-wp\/assets\/img\/logo.png\">\n\t\t\t<\/span>\n\t\t\t<meta itemprop=\"url\" content=\"https:\/\/www.psib-psoe.org\/mallorca\/\">\n\t\t<\/span>\n\t\t\t\t<span class=\"hide\" itemprop=\"image\" itemscope itemtype=\"http:\/\/schema.org\/ImageObject\">\n\t\t\t<meta itemprop=\"url\" content=\"https:\/\/www.psib-psoe.org\/mallorca\/wp-content\/uploads\/Sofia-Alonso.jpeg\">\n\t\t\t<meta itemprop=\"width\" content=\"1600\">\n\t\t\t<meta itemprop=\"height\" content=\"1367\">\n\t\t<\/span>\n\t\t\t\t<meta itemscope itemprop=\"mainEntityOfPage\" itemtype=\"https:\/\/schema.org\/WebPage\" itemid=\"https:\/\/www.psib-psoe.org\/mallorca\/lequip-directiu-de-limas-incapac-de-donar-resposta-a-les-necessitats-de-gestio-dels-serveis-socials-que-reclamen-usuaris-i-treballadors\/\">\n\t<\/aside>\n\t\t<\/article>\n<\/div>\n<div class=\"small-12 large-4 columns\">\n\t<article itemscope itemtype=\"http:\/\/schema.org\/Article\" class=\"post blog-style7 alt post-30059 type-post status-publish format-standard has-post-thumbnail hentry category-federacio-de-mallorca category-federacio-de-mallorca-portada category-municipis category-portada tag-amanda-fernandez tag-catalina-cladera tag-federacio-socialista-de-mallorca tag-joan-mendez tag-psib-psoe tag-socialistes-de-montuiri tag-sofia-alonso tag-tolo-aguilar tag-toni-miralles\" role=\"article\">\n\t\t<figure class=\"post-gallery\"><img loading=\"lazy\" decoding=\"async\" width=\"600\" height=\"400\" src=\"https:\/\/www.psib-psoe.org\/mallorca\/wp-content\/uploads\/Montuiri-2-600x400.jpeg\" class=\"attachment-notio-general-x2 size-notio-general-x2 wp-post-image\" alt=\"\" srcset=\"https:\/\/www.psib-psoe.org\/mallorca\/wp-content\/uploads\/Montuiri-2-600x400.jpeg 600w, https:\/\/www.psib-psoe.org\/mallorca\/wp-content\/uploads\/Montuiri-2-300x200.jpeg 300w, https:\/\/www.psib-psoe.org\/mallorca\/wp-content\/uploads\/Montuiri-2-900x600.jpeg 900w, https:\/\/www.psib-psoe.org\/mallorca\/wp-content\/uploads\/Montuiri-2-20x13.jpeg 20w\" sizes=\"(max-width: 600px) 100vw, 600px\" \/><\/figure>\n\t\t<div class=\"blog-top\">\n\t\t\t<header class=\"post-title entry-header\">\n\t\t\t\t<aside class=\"post-meta cf\">\n\t\t15\/07\/2025 \/ <a href=\"https:\/\/www.psib-psoe.org\/mallorca\/category\/federacio-de-mallorca\/\" rel=\"category tag\">Federaci\u00f3 de Mallorca<\/a>, <a href=\"https:\/\/www.psib-psoe.org\/mallorca\/category\/federacio-de-mallorca-portada\/\" rel=\"category tag\">Federaci\u00f3 de Mallorca - Portada<\/a>, <a href=\"https:\/\/www.psib-psoe.org\/mallorca\/category\/municipis\/\" rel=\"category tag\">Municipis<\/a>, <a href=\"https:\/\/www.psib-psoe.org\/mallorca\/category\/portada\/\" rel=\"category tag\">Portada<\/a><\/aside>\n\t\t\t\t<h3 itemprop=\"headline\"><a href=\"https:\/\/www.psib-psoe.org\/mallorca\/toni-miralles-segueix-quatre-anys-mes-com-a-secretari-general-de-lagrupacio-socialista-de-montuiri\/\" title=\"Toni Miralles segueix quatre anys m\u00e9s com a secretari general de l\u2019Agrupaci\u00f3 Socialista de Montu\u00efri.\">Toni Miralles segueix quatre anys m\u00e9s com a secretari general de l\u2019Agrupaci\u00f3 Socialista de Montu\u00efri.<\/a><\/h3>\n\t\t\t<\/header>\n\t\t<\/div>\n\t\t<div class=\"post-content\">\n\t\t\t<a href=\"https:\/\/www.psib-psoe.org\/mallorca\/toni-miralles-segueix-quatre-anys-mes-com-a-secretari-general-de-lagrupacio-socialista-de-montuiri\/\" class=\"more-link\">Read More<\/a>\n\t\t<\/div>\n\t\t\t<aside class=\"post-bottom-meta hide\">\n\t\t<strong rel=\"author\" itemprop=\"author\" class=\"author vcard\"><span class=\"fn\">Albert<\/span><\/strong>\n\t\t<time class=\"date published time\" datetime=\"2025-07-15T13:40:46+02:00\" itemprop=\"datePublished\" content=\"2025-07-15T13:40:46+02:00\">15\/07\/2025<\/time>\n\t\t<meta itemprop=\"dateModified\" class=\"date updated\" content=\"2025-07-15T13:40:58+02:00\">\n\t\t<span class=\"hide\" itemprop=\"publisher\" itemscope itemtype=\"https:\/\/schema.org\/Organization\">\n\t\t\t<meta itemprop=\"name\" content=\"SocialistesdMca\">\n\t\t\t<span itemprop=\"logo\" itemscope itemtype=\"https:\/\/schema.org\/ImageObject\">\n\t\t\t\t<meta itemprop=\"url\" content=\"https:\/\/www.psib-psoe.org\/mallorca\/wp-content\/themes\/notio-wp\/assets\/img\/logo.png\">\n\t\t\t<\/span>\n\t\t\t<meta itemprop=\"url\" content=\"https:\/\/www.psib-psoe.org\/mallorca\/\">\n\t\t<\/span>\n\t\t\t\t<span class=\"hide\" itemprop=\"image\" itemscope itemtype=\"http:\/\/schema.org\/ImageObject\">\n\t\t\t<meta itemprop=\"url\" content=\"https:\/\/www.psib-psoe.org\/mallorca\/wp-content\/uploads\/Montuiri-2.jpeg\">\n\t\t\t<meta itemprop=\"width\" content=\"2048\">\n\t\t\t<meta itemprop=\"height\" content=\"1004\">\n\t\t<\/span>\n\t\t\t\t<meta itemscope itemprop=\"mainEntityOfPage\" itemtype=\"https:\/\/schema.org\/WebPage\" itemid=\"https:\/\/www.psib-psoe.org\/mallorca\/toni-miralles-segueix-quatre-anys-mes-com-a-secretari-general-de-lagrupacio-socialista-de-montuiri\/\">\n\t<\/aside>\n\t\t<\/article>\n<\/div>\n<div class=\"small-12 large-4 columns\">\n\t<article itemscope itemtype=\"http:\/\/schema.org\/Article\" class=\"post blog-style7 alt post-30056 type-post status-publish format-standard has-post-thumbnail hentry category-federacio-de-mallorca category-federacio-de-mallorca-portada category-municipis category-portada tag-agrupacio-socialista-sa-pobla tag-amanda-fernandez tag-bea-gamundi tag-catalina-cladera tag-federacio-socialista-de-mallorca tag-francina-armengol tag-psib-psoe tag-sa-pobla tag-tolo-aguilar tag-xesca-mir\" role=\"article\">\n\t\t<figure class=\"post-gallery\"><img loading=\"lazy\" decoding=\"async\" width=\"600\" height=\"400\" src=\"https:\/\/www.psib-psoe.org\/mallorca\/wp-content\/uploads\/Assemblea-2-600x400.jpeg\" class=\"attachment-notio-general-x2 size-notio-general-x2 wp-post-image\" alt=\"\" srcset=\"https:\/\/www.psib-psoe.org\/mallorca\/wp-content\/uploads\/Assemblea-2-600x400.jpeg 600w, https:\/\/www.psib-psoe.org\/mallorca\/wp-content\/uploads\/Assemblea-2-300x200.jpeg 300w, https:\/\/www.psib-psoe.org\/mallorca\/wp-content\/uploads\/Assemblea-2-900x600.jpeg 900w, https:\/\/www.psib-psoe.org\/mallorca\/wp-content\/uploads\/Assemblea-2-20x13.jpeg 20w\" sizes=\"(max-width: 600px) 100vw, 600px\" \/><\/figure>\n\t\t<div class=\"blog-top\">\n\t\t\t<header class=\"post-title entry-header\">\n\t\t\t\t<aside class=\"post-meta cf\">\n\t\t15\/07\/2025 \/ <a href=\"https:\/\/www.psib-psoe.org\/mallorca\/category\/federacio-de-mallorca\/\" rel=\"category tag\">Federaci\u00f3 de Mallorca<\/a>, <a href=\"https:\/\/www.psib-psoe.org\/mallorca\/category\/federacio-de-mallorca-portada\/\" rel=\"category tag\">Federaci\u00f3 de Mallorca - Portada<\/a>, <a href=\"https:\/\/www.psib-psoe.org\/mallorca\/category\/municipis\/\" rel=\"category tag\">Municipis<\/a>, <a href=\"https:\/\/www.psib-psoe.org\/mallorca\/category\/portada\/\" rel=\"category tag\">Portada<\/a><\/aside>\n\t\t\t\t<h3 itemprop=\"headline\"><a href=\"https:\/\/www.psib-psoe.org\/mallorca\/xesca-mir-renova-el-seu-mandat-al-capdavant-de-lagrupacio-socialista-de-sa-pobla\/\" title=\"Xesca Mir renova el seu mandat al capdavant de l\u2019Agrupaci\u00f3 Socialista de sa Pobla.\">Xesca Mir renova el seu mandat al capdavant de l\u2019Agrupaci\u00f3 Socialista de sa Pobla.<\/a><\/h3>\n\t\t\t<\/header>\n\t\t<\/div>\n\t\t<div class=\"post-content\">\n\t\t\t<a href=\"https:\/\/www.psib-psoe.org\/mallorca\/xesca-mir-renova-el-seu-mandat-al-capdavant-de-lagrupacio-socialista-de-sa-pobla\/\" class=\"more-link\">Read More<\/a>\n\t\t<\/div>\n\t\t\t<aside class=\"post-bottom-meta hide\">\n\t\t<strong rel=\"author\" itemprop=\"author\" class=\"author vcard\"><span class=\"fn\">Albert<\/span><\/strong>\n\t\t<time class=\"date published time\" datetime=\"2025-07-15T10:30:34+02:00\" itemprop=\"datePublished\" content=\"2025-07-15T10:30:34+02:00\">15\/07\/2025<\/time>\n\t\t<meta itemprop=\"dateModified\" class=\"date updated\" content=\"2025-07-15T10:30:46+02:00\">\n\t\t<span class=\"hide\" itemprop=\"publisher\" itemscope itemtype=\"https:\/\/schema.org\/Organization\">\n\t\t\t<meta itemprop=\"name\" content=\"SocialistesdMca\">\n\t\t\t<span itemprop=\"logo\" itemscope itemtype=\"https:\/\/schema.org\/ImageObject\">\n\t\t\t\t<meta itemprop=\"url\" content=\"https:\/\/www.psib-psoe.org\/mallorca\/wp-content\/themes\/notio-wp\/assets\/img\/logo.png\">\n\t\t\t<\/span>\n\t\t\t<meta itemprop=\"url\" content=\"https:\/\/www.psib-psoe.org\/mallorca\/\">\n\t\t<\/span>\n\t\t\t\t<span class=\"hide\" itemprop=\"image\" itemscope itemtype=\"http:\/\/schema.org\/ImageObject\">\n\t\t\t<meta itemprop=\"url\" content=\"https:\/\/www.psib-psoe.org\/mallorca\/wp-content\/uploads\/Assemblea-2-scaled.jpeg\">\n\t\t\t<meta itemprop=\"width\" content=\"2560\">\n\t\t\t<meta itemprop=\"height\" content=\"1920\">\n\t\t<\/span>\n\t\t\t\t<meta itemscope itemprop=\"mainEntityOfPage\" itemtype=\"https:\/\/schema.org\/WebPage\" itemid=\"https:\/\/www.psib-psoe.org\/mallorca\/xesca-mir-renova-el-seu-mandat-al-capdavant-de-lagrupacio-socialista-de-sa-pobla\/\">\n\t<\/aside>\n\t\t<\/article>\n<\/div>\n<div class=\"small-12 large-4 columns\">\n\t<article itemscope itemtype=\"http:\/\/schema.org\/Article\" class=\"post blog-style7 alt post-30053 type-post status-publish format-standard has-post-thumbnail hentry category-federacio-de-mallorca category-federacio-de-mallorca-portada category-municipis category-portada tag-agrupacio-socialista-de-sineu tag-amanda-fernandez tag-ares-fernandez tag-barbara-calvo tag-bea-gamundi tag-catalina-cladera tag-federacio-socialista-de-mallorca tag-tolo-aguilar\" role=\"article\">\n\t\t<figure class=\"post-gallery\"><img loading=\"lazy\" decoding=\"async\" width=\"600\" height=\"400\" src=\"https:\/\/www.psib-psoe.org\/mallorca\/wp-content\/uploads\/Assemblea-Sineu-1-600x400.jpeg\" class=\"attachment-notio-general-x2 size-notio-general-x2 wp-post-image\" alt=\"\" srcset=\"https:\/\/www.psib-psoe.org\/mallorca\/wp-content\/uploads\/Assemblea-Sineu-1-600x400.jpeg 600w, https:\/\/www.psib-psoe.org\/mallorca\/wp-content\/uploads\/Assemblea-Sineu-1-300x200.jpeg 300w, https:\/\/www.psib-psoe.org\/mallorca\/wp-content\/uploads\/Assemblea-Sineu-1-900x600.jpeg 900w, https:\/\/www.psib-psoe.org\/mallorca\/wp-content\/uploads\/Assemblea-Sineu-1-20x13.jpeg 20w\" sizes=\"(max-width: 600px) 100vw, 600px\" \/><\/figure>\n\t\t<div class=\"blog-top\">\n\t\t\t<header class=\"post-title entry-header\">\n\t\t\t\t<aside class=\"post-meta cf\">\n\t\t12\/07\/2025 \/ <a href=\"https:\/\/www.psib-psoe.org\/mallorca\/category\/federacio-de-mallorca\/\" rel=\"category tag\">Federaci\u00f3 de Mallorca<\/a>, <a href=\"https:\/\/www.psib-psoe.org\/mallorca\/category\/federacio-de-mallorca-portada\/\" rel=\"category tag\">Federaci\u00f3 de Mallorca - Portada<\/a>, <a href=\"https:\/\/www.psib-psoe.org\/mallorca\/category\/municipis\/\" rel=\"category tag\">Municipis<\/a>, <a href=\"https:\/\/www.psib-psoe.org\/mallorca\/category\/portada\/\" rel=\"category tag\">Portada<\/a><\/aside>\n\t\t\t\t<h3 itemprop=\"headline\"><a href=\"https:\/\/www.psib-psoe.org\/mallorca\/barbara-calvo-lidera-una-renovada-executiva-de-lagrupacio-socialista-de-sineu\/\" title=\"B\u00e0rbara Calvo lidera una renovada executiva de l\u2019Agrupaci\u00f3 Socialista de Sineu.\">B\u00e0rbara Calvo lidera una renovada executiva de l\u2019Agrupaci\u00f3 Socialista de Sineu.<\/a><\/h3>\n\t\t\t<\/header>\n\t\t<\/div>\n\t\t<div class=\"post-content\">\n\t\t\t<a href=\"https:\/\/www.psib-psoe.org\/mallorca\/barbara-calvo-lidera-una-renovada-executiva-de-lagrupacio-socialista-de-sineu\/\" class=\"more-link\">Read More<\/a>\n\t\t<\/div>\n\t\t\t<aside class=\"post-bottom-meta hide\">\n\t\t<strong rel=\"author\" itemprop=\"author\" class=\"author vcard\"><span class=\"fn\">Albert<\/span><\/strong>\n\t\t<time class=\"date published time\" datetime=\"2025-07-12T09:24:29+02:00\" itemprop=\"datePublished\" content=\"2025-07-12T09:24:29+02:00\">12\/07\/2025<\/time>\n\t\t<meta itemprop=\"dateModified\" class=\"date updated\" content=\"2025-07-12T09:24:40+02:00\">\n\t\t<span class=\"hide\" itemprop=\"publisher\" itemscope itemtype=\"https:\/\/schema.org\/Organization\">\n\t\t\t<meta itemprop=\"name\" content=\"SocialistesdMca\">\n\t\t\t<span itemprop=\"logo\" itemscope itemtype=\"https:\/\/schema.org\/ImageObject\">\n\t\t\t\t<meta itemprop=\"url\" content=\"https:\/\/www.psib-psoe.org\/mallorca\/wp-content\/themes\/notio-wp\/assets\/img\/logo.png\">\n\t\t\t<\/span>\n\t\t\t<meta itemprop=\"url\" content=\"https:\/\/www.psib-psoe.org\/mallorca\/\">\n\t\t<\/span>\n\t\t\t\t<span class=\"hide\" itemprop=\"image\" itemscope itemtype=\"http:\/\/schema.org\/ImageObject\">\n\t\t\t<meta itemprop=\"url\" content=\"https:\/\/www.psib-psoe.org\/mallorca\/wp-content\/uploads\/Assemblea-Sineu-1.jpeg\">\n\t\t\t<meta itemprop=\"width\" content=\"1466\">\n\t\t\t<meta itemprop=\"height\" content=\"1600\">\n\t\t<\/span>\n\t\t\t\t<meta itemscope itemprop=\"mainEntityOfPage\" itemtype=\"https:\/\/schema.org\/WebPage\" itemid=\"https:\/\/www.psib-psoe.org\/mallorca\/barbara-calvo-lidera-una-renovada-executiva-de-lagrupacio-socialista-de-sineu\/\">\n\t<\/aside>\n\t\t<\/article>\n<\/div>\n<div class=\"small-12 large-4 columns\">\n\t<article itemscope itemtype=\"http:\/\/schema.org\/Article\" class=\"post blog-style7 alt post-30050 type-post status-publish format-standard has-post-thumbnail hentry category-consell-de-mallorca category-federacio-de-mallorca category-federacio-de-mallorca-portada category-portada tag-agrupacio-socialista-de-campanet tag-amanda-fernandez tag-ares-fernandez tag-bea-gamundi tag-catalina-cladera tag-federacio-socialista-de-mallorca tag-rosa-maria-bestard\" role=\"article\">\n\t\t<figure class=\"post-gallery\"><img loading=\"lazy\" decoding=\"async\" width=\"600\" height=\"400\" src=\"https:\/\/www.psib-psoe.org\/mallorca\/wp-content\/uploads\/Executiva-Campanet-600x400.jpeg\" class=\"attachment-notio-general-x2 size-notio-general-x2 wp-post-image\" alt=\"\" srcset=\"https:\/\/www.psib-psoe.org\/mallorca\/wp-content\/uploads\/Executiva-Campanet-600x400.jpeg 600w, https:\/\/www.psib-psoe.org\/mallorca\/wp-content\/uploads\/Executiva-Campanet-300x200.jpeg 300w, https:\/\/www.psib-psoe.org\/mallorca\/wp-content\/uploads\/Executiva-Campanet-900x600.jpeg 900w, https:\/\/www.psib-psoe.org\/mallorca\/wp-content\/uploads\/Executiva-Campanet-20x13.jpeg 20w\" sizes=\"(max-width: 600px) 100vw, 600px\" \/><\/figure>\n\t\t<div class=\"blog-top\">\n\t\t\t<header class=\"post-title entry-header\">\n\t\t\t\t<aside class=\"post-meta cf\">\n\t\t11\/07\/2025 \/ <a href=\"https:\/\/www.psib-psoe.org\/mallorca\/category\/consell-de-mallorca\/\" rel=\"category tag\">Consell de Mallorca<\/a>, <a href=\"https:\/\/www.psib-psoe.org\/mallorca\/category\/federacio-de-mallorca\/\" rel=\"category tag\">Federaci\u00f3 de Mallorca<\/a>, <a href=\"https:\/\/www.psib-psoe.org\/mallorca\/category\/federacio-de-mallorca-portada\/\" rel=\"category tag\">Federaci\u00f3 de Mallorca - Portada<\/a>, <a href=\"https:\/\/www.psib-psoe.org\/mallorca\/category\/portada\/\" rel=\"category tag\">Portada<\/a><\/aside>\n\t\t\t\t<h3 itemprop=\"headline\"><a href=\"https:\/\/www.psib-psoe.org\/mallorca\/rosa-m-bestard-es-mante-al-capdavant-duna-renovada-executiva-dels-socialistes-de-campanet\/\" title=\"Rosa M. Bestard es mant\u00e9 al capdavant d\u2019una renovada executiva dels Socialistes de Campanet.\">Rosa M. Bestard es mant\u00e9 al capdavant d\u2019una renovada executiva dels Socialistes de Campanet.<\/a><\/h3>\n\t\t\t<\/header>\n\t\t<\/div>\n\t\t<div class=\"post-content\">\n\t\t\t<a href=\"https:\/\/www.psib-psoe.org\/mallorca\/rosa-m-bestard-es-mante-al-capdavant-duna-renovada-executiva-dels-socialistes-de-campanet\/\" class=\"more-link\">Read More<\/a>\n\t\t<\/div>\n\t\t\t<aside class=\"post-bottom-meta hide\">\n\t\t<strong rel=\"author\" itemprop=\"author\" class=\"author vcard\"><span class=\"fn\">Albert<\/span><\/strong>\n\t\t<time class=\"date published time\" datetime=\"2025-07-11T13:03:21+02:00\" itemprop=\"datePublished\" content=\"2025-07-11T13:03:21+02:00\">11\/07\/2025<\/time>\n\t\t<meta itemprop=\"dateModified\" class=\"date updated\" content=\"2025-07-11T13:03:33+02:00\">\n\t\t<span class=\"hide\" itemprop=\"publisher\" itemscope itemtype=\"https:\/\/schema.org\/Organization\">\n\t\t\t<meta itemprop=\"name\" content=\"SocialistesdMca\">\n\t\t\t<span itemprop=\"logo\" itemscope itemtype=\"https:\/\/schema.org\/ImageObject\">\n\t\t\t\t<meta itemprop=\"url\" content=\"https:\/\/www.psib-psoe.org\/mallorca\/wp-content\/themes\/notio-wp\/assets\/img\/logo.png\">\n\t\t\t<\/span>\n\t\t\t<meta itemprop=\"url\" content=\"https:\/\/www.psib-psoe.org\/mallorca\/\">\n\t\t<\/span>\n\t\t\t\t<span class=\"hide\" itemprop=\"image\" itemscope itemtype=\"http:\/\/schema.org\/ImageObject\">\n\t\t\t<meta itemprop=\"url\" content=\"https:\/\/www.psib-psoe.org\/mallorca\/wp-content\/uploads\/Executiva-Campanet.jpeg\">\n\t\t\t<meta itemprop=\"width\" content=\"2048\">\n\t\t\t<meta itemprop=\"height\" content=\"1536\">\n\t\t<\/span>\n\t\t\t\t<meta itemscope itemprop=\"mainEntityOfPage\" itemtype=\"https:\/\/schema.org\/WebPage\" itemid=\"https:\/\/www.psib-psoe.org\/mallorca\/rosa-m-bestard-es-mante-al-capdavant-duna-renovada-executiva-dels-socialistes-de-campanet\/\">\n\t<\/aside>\n\t\t<\/article>\n<\/div>\n<div class=\"small-12 large-4 columns\">\n\t<article itemscope itemtype=\"http:\/\/schema.org\/Article\" class=\"post blog-style7 alt post-30041 type-post status-publish format-standard has-post-thumbnail hentry category-federacio-de-mallorca category-federacio-de-mallorca-portada category-municipis category-portada tag-agrupacio-socialista-sa-pobla tag-amanda-fernandez tag-catalina-cladera tag-federacio-socialista-de-mallorca tag-psib-psoe tag-sa-pobla tag-xesca-mir\" role=\"article\">\n\t\t<figure class=\"post-gallery\"><img loading=\"lazy\" decoding=\"async\" width=\"600\" height=\"400\" src=\"https:\/\/www.psib-psoe.org\/mallorca\/wp-content\/uploads\/SA-POBLA-XESCA-MIR-600x400.jpg\" class=\"attachment-notio-general-x2 size-notio-general-x2 wp-post-image\" alt=\"\" srcset=\"https:\/\/www.psib-psoe.org\/mallorca\/wp-content\/uploads\/SA-POBLA-XESCA-MIR-600x400.jpg 600w, https:\/\/www.psib-psoe.org\/mallorca\/wp-content\/uploads\/SA-POBLA-XESCA-MIR-300x200.jpg 300w, https:\/\/www.psib-psoe.org\/mallorca\/wp-content\/uploads\/SA-POBLA-XESCA-MIR-768x512.jpg 768w, https:\/\/www.psib-psoe.org\/mallorca\/wp-content\/uploads\/SA-POBLA-XESCA-MIR-1024x683.jpg 1024w, https:\/\/www.psib-psoe.org\/mallorca\/wp-content\/uploads\/SA-POBLA-XESCA-MIR-150x100.jpg 150w, https:\/\/www.psib-psoe.org\/mallorca\/wp-content\/uploads\/SA-POBLA-XESCA-MIR-900x600.jpg 900w, https:\/\/www.psib-psoe.org\/mallorca\/wp-content\/uploads\/SA-POBLA-XESCA-MIR-20x13.jpg 20w\" sizes=\"(max-width: 600px) 100vw, 600px\" \/><\/figure>\n\t\t<div class=\"blog-top\">\n\t\t\t<header class=\"post-title entry-header\">\n\t\t\t\t<aside class=\"post-meta cf\">\n\t\t11\/07\/2025 \/ <a href=\"https:\/\/www.psib-psoe.org\/mallorca\/category\/federacio-de-mallorca\/\" rel=\"category tag\">Federaci\u00f3 de Mallorca<\/a>, <a href=\"https:\/\/www.psib-psoe.org\/mallorca\/category\/federacio-de-mallorca-portada\/\" rel=\"category tag\">Federaci\u00f3 de Mallorca - Portada<\/a>, <a href=\"https:\/\/www.psib-psoe.org\/mallorca\/category\/municipis\/\" rel=\"category tag\">Municipis<\/a>, <a href=\"https:\/\/www.psib-psoe.org\/mallorca\/category\/portada\/\" rel=\"category tag\">Portada<\/a><\/aside>\n\t\t\t\t<h3 itemprop=\"headline\"><a href=\"https:\/\/www.psib-psoe.org\/mallorca\/comunicat-de-lagrupacio-socialista-de-sa-pobla-sobre-el-projecte-dampliacio-de-la-via-ferria-sa-pobla-alcudia\/\" title=\"COMUNICAT DE L\u2019AGRUPACI\u00d3 SOCIALISTA DE SA POBLA SOBRE EL PROJECTE D\u2019AMPLIACI\u00d3 DE LA VIA F\u00c8RRIA SA POBLA-ALC\u00daDIA.\">COMUNICAT DE L\u2019AGRUPACI\u00d3 SOCIALISTA DE SA POBLA SOBRE EL PROJECTE D\u2019AMPLIACI\u00d3 DE LA VIA F\u00c8RRIA SA POBLA-ALC\u00daDIA.<\/a><\/h3>\n\t\t\t<\/header>\n\t\t<\/div>\n\t\t<div class=\"post-content\">\n\t\t\t<a href=\"https:\/\/www.psib-psoe.org\/mallorca\/comunicat-de-lagrupacio-socialista-de-sa-pobla-sobre-el-projecte-dampliacio-de-la-via-ferria-sa-pobla-alcudia\/\" class=\"more-link\">Read More<\/a>\n\t\t<\/div>\n\t\t\t<aside class=\"post-bottom-meta hide\">\n\t\t<strong rel=\"author\" itemprop=\"author\" class=\"author vcard\"><span class=\"fn\">Albert<\/span><\/strong>\n\t\t<time class=\"date published time\" datetime=\"2025-07-11T09:50:37+02:00\" itemprop=\"datePublished\" content=\"2025-07-11T09:50:37+02:00\">11\/07\/2025<\/time>\n\t\t<meta itemprop=\"dateModified\" class=\"date updated\" content=\"2025-07-11T12:45:33+02:00\">\n\t\t<span class=\"hide\" itemprop=\"publisher\" itemscope itemtype=\"https:\/\/schema.org\/Organization\">\n\t\t\t<meta itemprop=\"name\" content=\"SocialistesdMca\">\n\t\t\t<span itemprop=\"logo\" itemscope itemtype=\"https:\/\/schema.org\/ImageObject\">\n\t\t\t\t<meta itemprop=\"url\" content=\"https:\/\/www.psib-psoe.org\/mallorca\/wp-content\/themes\/notio-wp\/assets\/img\/logo.png\">\n\t\t\t<\/span>\n\t\t\t<meta itemprop=\"url\" content=\"https:\/\/www.psib-psoe.org\/mallorca\/\">\n\t\t<\/span>\n\t\t\t\t<span class=\"hide\" itemprop=\"image\" itemscope itemtype=\"http:\/\/schema.org\/ImageObject\">\n\t\t\t<meta itemprop=\"url\" content=\"https:\/\/www.psib-psoe.org\/mallorca\/wp-content\/uploads\/SA-POBLA-XESCA-MIR.jpg\">\n\t\t\t<meta itemprop=\"width\" content=\"6000\">\n\t\t\t<meta itemprop=\"height\" content=\"4000\">\n\t\t<\/span>\n\t\t\t\t<meta itemscope itemprop=\"mainEntityOfPage\" itemtype=\"https:\/\/schema.org\/WebPage\" itemid=\"https:\/\/www.psib-psoe.org\/mallorca\/comunicat-de-lagrupacio-socialista-de-sa-pobla-sobre-el-projecte-dampliacio-de-la-via-ferria-sa-pobla-alcudia\/\">\n\t<\/aside>\n\t\t<\/article>\n<\/div>\n<div class=\"small-12 large-4 columns\">\n\t<article itemscope itemtype=\"http:\/\/schema.org\/Article\" class=\"post blog-style7 alt post-30034 type-post status-publish format-standard has-post-thumbnail hentry category-consell-de-mallorca category-federacio-de-mallorca category-federacio-de-mallorca-portada category-portada tag-amanda-fernandez tag-andreu-serra tag-ares-fernandez tag-bea-gamundi tag-biel-alomar tag-catalina-cladera tag-consell-de-mallorca tag-federacio-socialista-de-mallorca tag-javier-de-juan tag-joan-ferrer tag-juana-m-adrover tag-sofia-alonso\" role=\"article\">\n\t\t<figure class=\"post-gallery\"><img loading=\"lazy\" decoding=\"async\" width=\"600\" height=\"400\" src=\"https:\/\/www.psib-psoe.org\/mallorca\/wp-content\/uploads\/Grup-DPG-600x400.jpg\" class=\"attachment-notio-general-x2 size-notio-general-x2 wp-post-image\" alt=\"\" srcset=\"https:\/\/www.psib-psoe.org\/mallorca\/wp-content\/uploads\/Grup-DPG-600x400.jpg 600w, https:\/\/www.psib-psoe.org\/mallorca\/wp-content\/uploads\/Grup-DPG-300x200.jpg 300w, https:\/\/www.psib-psoe.org\/mallorca\/wp-content\/uploads\/Grup-DPG-900x600.jpg 900w, https:\/\/www.psib-psoe.org\/mallorca\/wp-content\/uploads\/Grup-DPG-20x13.jpg 20w\" sizes=\"(max-width: 600px) 100vw, 600px\" \/><\/figure>\n\t\t<div class=\"blog-top\">\n\t\t\t<header class=\"post-title entry-header\">\n\t\t\t\t<aside class=\"post-meta cf\">\n\t\t10\/07\/2025 \/ <a href=\"https:\/\/www.psib-psoe.org\/mallorca\/category\/consell-de-mallorca\/\" rel=\"category tag\">Consell de Mallorca<\/a>, <a href=\"https:\/\/www.psib-psoe.org\/mallorca\/category\/federacio-de-mallorca\/\" rel=\"category tag\">Federaci\u00f3 de Mallorca<\/a>, <a href=\"https:\/\/www.psib-psoe.org\/mallorca\/category\/federacio-de-mallorca-portada\/\" rel=\"category tag\">Federaci\u00f3 de Mallorca - Portada<\/a>, <a href=\"https:\/\/www.psib-psoe.org\/mallorca\/category\/portada\/\" rel=\"category tag\">Portada<\/a><\/aside>\n\t\t\t\t<h3 itemprop=\"headline\"><a href=\"https:\/\/www.psib-psoe.org\/mallorca\/ppvox-fa-de-menys-les-competencies-del-consell-de-mallorca-i-condemna-la-serra-de-tramuntana-a-lespeculacio-la-massificacio-turistica-i-lurbanisme-desbocat\/\" title=\"PPVox fa de menys les compet\u00e8ncies del Consell de Mallorca i condemna la Serra de Tramuntana a l\u2019especulaci\u00f3, la massificaci\u00f3 tur\u00edstica i l\u2019urbanisme desbocat.\">PPVox fa de menys les compet\u00e8ncies del Consell de Mallorca i condemna la Serra de Tramuntana a l\u2019especulaci\u00f3, la massificaci\u00f3 tur\u00edstica i l\u2019urbanisme desbocat.<\/a><\/h3>\n\t\t\t<\/header>\n\t\t<\/div>\n\t\t<div class=\"post-content\">\n\t\t\t<a href=\"https:\/\/www.psib-psoe.org\/mallorca\/ppvox-fa-de-menys-les-competencies-del-consell-de-mallorca-i-condemna-la-serra-de-tramuntana-a-lespeculacio-la-massificacio-turistica-i-lurbanisme-desbocat\/\" class=\"more-link\">Read More<\/a>\n\t\t<\/div>\n\t\t\t<aside class=\"post-bottom-meta hide\">\n\t\t<strong rel=\"author\" itemprop=\"author\" class=\"author vcard\"><span class=\"fn\">Albert<\/span><\/strong>\n\t\t<time class=\"date published time\" datetime=\"2025-07-10T17:55:25+02:00\" itemprop=\"datePublished\" content=\"2025-07-10T17:55:25+02:00\">10\/07\/2025<\/time>\n\t\t<meta itemprop=\"dateModified\" class=\"date updated\" content=\"2025-07-10T17:57:49+02:00\">\n\t\t<span class=\"hide\" itemprop=\"publisher\" itemscope itemtype=\"https:\/\/schema.org\/Organization\">\n\t\t\t<meta itemprop=\"name\" content=\"SocialistesdMca\">\n\t\t\t<span itemprop=\"logo\" itemscope itemtype=\"https:\/\/schema.org\/ImageObject\">\n\t\t\t\t<meta itemprop=\"url\" content=\"https:\/\/www.psib-psoe.org\/mallorca\/wp-content\/themes\/notio-wp\/assets\/img\/logo.png\">\n\t\t\t<\/span>\n\t\t\t<meta itemprop=\"url\" content=\"https:\/\/www.psib-psoe.org\/mallorca\/\">\n\t\t<\/span>\n\t\t\t\t<span class=\"hide\" itemprop=\"image\" itemscope itemtype=\"http:\/\/schema.org\/ImageObject\">\n\t\t\t<meta itemprop=\"url\" content=\"https:\/\/www.psib-psoe.org\/mallorca\/wp-content\/uploads\/Grup-DPG.jpg\">\n\t\t\t<meta itemprop=\"width\" content=\"2048\">\n\t\t\t<meta itemprop=\"height\" content=\"1536\">\n\t\t<\/span>\n\t\t\t\t<meta itemscope itemprop=\"mainEntityOfPage\" itemtype=\"https:\/\/schema.org\/WebPage\" itemid=\"https:\/\/www.psib-psoe.org\/mallorca\/ppvox-fa-de-menys-les-competencies-del-consell-de-mallorca-i-condemna-la-serra-de-tramuntana-a-lespeculacio-la-massificacio-turistica-i-lurbanisme-desbocat\/\">\n\t<\/aside>\n\t\t<\/article>\n<\/div>\n<div class=\"small-12 large-4 columns\">\n\t<article itemscope itemtype=\"http:\/\/schema.org\/Article\" class=\"post blog-style7 alt post-30031 type-post status-publish format-standard has-post-thumbnail hentry category-consell-de-mallorca category-federacio-de-mallorca category-federacio-de-mallorca-portada category-portada tag-amanda-fernandez tag-andreu-serra tag-ares-fernandez tag-bea-gamundi tag-biel-alomar tag-catalina-cladera tag-consell-de-mallorca tag-federacio-socialista-de-mallorca tag-javier-de-juan tag-joan-ferrer tag-juana-m-adrover tag-sofia-alonso\" role=\"article\">\n\t\t<figure class=\"post-gallery\"><img loading=\"lazy\" decoding=\"async\" width=\"600\" height=\"400\" src=\"https:\/\/www.psib-psoe.org\/mallorca\/wp-content\/uploads\/CCOO-bretxa-digital-ple-100725-600x400.jpeg\" class=\"attachment-notio-general-x2 size-notio-general-x2 wp-post-image\" alt=\"\" srcset=\"https:\/\/www.psib-psoe.org\/mallorca\/wp-content\/uploads\/CCOO-bretxa-digital-ple-100725-600x400.jpeg 600w, https:\/\/www.psib-psoe.org\/mallorca\/wp-content\/uploads\/CCOO-bretxa-digital-ple-100725-300x200.jpeg 300w, https:\/\/www.psib-psoe.org\/mallorca\/wp-content\/uploads\/CCOO-bretxa-digital-ple-100725-900x600.jpeg 900w, https:\/\/www.psib-psoe.org\/mallorca\/wp-content\/uploads\/CCOO-bretxa-digital-ple-100725-20x13.jpeg 20w\" sizes=\"(max-width: 600px) 100vw, 600px\" \/><\/figure>\n\t\t<div class=\"blog-top\">\n\t\t\t<header class=\"post-title entry-header\">\n\t\t\t\t<aside class=\"post-meta cf\">\n\t\t10\/07\/2025 \/ <a href=\"https:\/\/www.psib-psoe.org\/mallorca\/category\/consell-de-mallorca\/\" rel=\"category tag\">Consell de Mallorca<\/a>, <a href=\"https:\/\/www.psib-psoe.org\/mallorca\/category\/federacio-de-mallorca\/\" rel=\"category tag\">Federaci\u00f3 de Mallorca<\/a>, <a href=\"https:\/\/www.psib-psoe.org\/mallorca\/category\/federacio-de-mallorca-portada\/\" rel=\"category tag\">Federaci\u00f3 de Mallorca - Portada<\/a>, <a href=\"https:\/\/www.psib-psoe.org\/mallorca\/category\/portada\/\" rel=\"category tag\">Portada<\/a><\/aside>\n\t\t\t\t<h3 itemprop=\"headline\"><a href=\"https:\/\/www.psib-psoe.org\/mallorca\/el-consell-de-mallorca-es-compromet-a-minimitzar-la-discriminacio-digital-de-les-persones-majors-a-proposta-del-grup-socialista\/\" title=\"El Consell de Mallorca es compromet a minimitzar la discriminaci\u00f3 digital de les persones majors, a proposta del Grup Socialista.\">El Consell de Mallorca es compromet a minimitzar la discriminaci\u00f3 digital de les persones majors, a proposta del Grup Socialista.<\/a><\/h3>\n\t\t\t<\/header>\n\t\t<\/div>\n\t\t<div class=\"post-content\">\n\t\t\t<a href=\"https:\/\/www.psib-psoe.org\/mallorca\/el-consell-de-mallorca-es-compromet-a-minimitzar-la-discriminacio-digital-de-les-persones-majors-a-proposta-del-grup-socialista\/\" class=\"more-link\">Read More<\/a>\n\t\t<\/div>\n\t\t\t<aside class=\"post-bottom-meta hide\">\n\t\t<strong rel=\"author\" itemprop=\"author\" class=\"author vcard\"><span class=\"fn\">Albert<\/span><\/strong>\n\t\t<time class=\"date published time\" datetime=\"2025-07-10T15:31:12+02:00\" itemprop=\"datePublished\" content=\"2025-07-10T15:31:12+02:00\">10\/07\/2025<\/time>\n\t\t<meta itemprop=\"dateModified\" class=\"date updated\" content=\"2025-07-10T15:31:24+02:00\">\n\t\t<span class=\"hide\" itemprop=\"publisher\" itemscope itemtype=\"https:\/\/schema.org\/Organization\">\n\t\t\t<meta itemprop=\"name\" content=\"SocialistesdMca\">\n\t\t\t<span itemprop=\"logo\" itemscope itemtype=\"https:\/\/schema.org\/ImageObject\">\n\t\t\t\t<meta itemprop=\"url\" content=\"https:\/\/www.psib-psoe.org\/mallorca\/wp-content\/themes\/notio-wp\/assets\/img\/logo.png\">\n\t\t\t<\/span>\n\t\t\t<meta itemprop=\"url\" content=\"https:\/\/www.psib-psoe.org\/mallorca\/\">\n\t\t<\/span>\n\t\t\t\t<span class=\"hide\" itemprop=\"image\" itemscope itemtype=\"http:\/\/schema.org\/ImageObject\">\n\t\t\t<meta itemprop=\"url\" content=\"https:\/\/www.psib-psoe.org\/mallorca\/wp-content\/uploads\/CCOO-bretxa-digital-ple-100725-scaled.jpeg\">\n\t\t\t<meta itemprop=\"width\" content=\"2560\">\n\t\t\t<meta itemprop=\"height\" content=\"1886\">\n\t\t<\/span>\n\t\t\t\t<meta itemscope itemprop=\"mainEntityOfPage\" itemtype=\"https:\/\/schema.org\/WebPage\" itemid=\"https:\/\/www.psib-psoe.org\/mallorca\/el-consell-de-mallorca-es-compromet-a-minimitzar-la-discriminacio-digital-de-les-persones-majors-a-proposta-del-grup-socialista\/\">\n\t<\/aside>\n\t\t<\/article>\n<\/div>\n<div class=\"small-12 large-4 columns\">\n\t<article itemscope itemtype=\"http:\/\/schema.org\/Article\" class=\"post blog-style7 alt post-30026 type-post status-publish format-standard has-post-thumbnail hentry category-federacio-de-mallorca category-federacio-de-mallorca-portada category-municipis category-portada tag-agrupacio-socialista-dalcudia tag-amanda-fernandez tag-ana-maria-muela tag-barbara-rebassa tag-catalina-cladera tag-federacio-socialista-de-mallorca tag-joan-gaspar-vallori tag-joan-mendez tag-miquel-cabot tag-tolo-aguilar\" role=\"article\">\n\t\t<figure class=\"post-gallery\"><img loading=\"lazy\" decoding=\"async\" width=\"600\" height=\"400\" src=\"https:\/\/www.psib-psoe.org\/mallorca\/wp-content\/uploads\/Executiva-Alcudia-2-600x400.jpeg\" class=\"attachment-notio-general-x2 size-notio-general-x2 wp-post-image\" alt=\"\" srcset=\"https:\/\/www.psib-psoe.org\/mallorca\/wp-content\/uploads\/Executiva-Alcudia-2-600x400.jpeg 600w, https:\/\/www.psib-psoe.org\/mallorca\/wp-content\/uploads\/Executiva-Alcudia-2-300x200.jpeg 300w, https:\/\/www.psib-psoe.org\/mallorca\/wp-content\/uploads\/Executiva-Alcudia-2-900x600.jpeg 900w, https:\/\/www.psib-psoe.org\/mallorca\/wp-content\/uploads\/Executiva-Alcudia-2-20x13.jpeg 20w\" sizes=\"(max-width: 600px) 100vw, 600px\" \/><\/figure>\n\t\t<div class=\"blog-top\">\n\t\t\t<header class=\"post-title entry-header\">\n\t\t\t\t<aside class=\"post-meta cf\">\n\t\t10\/07\/2025 \/ <a href=\"https:\/\/www.psib-psoe.org\/mallorca\/category\/federacio-de-mallorca\/\" rel=\"category tag\">Federaci\u00f3 de Mallorca<\/a>, <a href=\"https:\/\/www.psib-psoe.org\/mallorca\/category\/federacio-de-mallorca-portada\/\" rel=\"category tag\">Federaci\u00f3 de Mallorca - Portada<\/a>, <a href=\"https:\/\/www.psib-psoe.org\/mallorca\/category\/municipis\/\" rel=\"category tag\">Municipis<\/a>, <a href=\"https:\/\/www.psib-psoe.org\/mallorca\/category\/portada\/\" rel=\"category tag\">Portada<\/a><\/aside>\n\t\t\t\t<h3 itemprop=\"headline\"><a href=\"https:\/\/www.psib-psoe.org\/mallorca\/joan-gaspar-vallori-revalida-la-secretaria-general-de-lagrupacio-socialista-dalcudia\/\" title=\"Joan Gaspar Vallori revalida la secretaria general de l\u2019Agrupaci\u00f3 Socialista d\u2019Alc\u00fadia.\">Joan Gaspar Vallori revalida la secretaria general de l\u2019Agrupaci\u00f3 Socialista d\u2019Alc\u00fadia.<\/a><\/h3>\n\t\t\t<\/header>\n\t\t<\/div>\n\t\t<div class=\"post-content\">\n\t\t\t<a href=\"https:\/\/www.psib-psoe.org\/mallorca\/joan-gaspar-vallori-revalida-la-secretaria-general-de-lagrupacio-socialista-dalcudia\/\" class=\"more-link\">Read More<\/a>\n\t\t<\/div>\n\t\t\t<aside class=\"post-bottom-meta hide\">\n\t\t<strong rel=\"author\" itemprop=\"author\" class=\"author vcard\"><span class=\"fn\">Albert<\/span><\/strong>\n\t\t<time class=\"date published time\" datetime=\"2025-07-10T13:19:36+02:00\" itemprop=\"datePublished\" content=\"2025-07-10T13:19:36+02:00\">10\/07\/2025<\/time>\n\t\t<meta itemprop=\"dateModified\" class=\"date updated\" content=\"2025-07-10T13:19:47+02:00\">\n\t\t<span class=\"hide\" itemprop=\"publisher\" itemscope itemtype=\"https:\/\/schema.org\/Organization\">\n\t\t\t<meta itemprop=\"name\" content=\"SocialistesdMca\">\n\t\t\t<span itemprop=\"logo\" itemscope itemtype=\"https:\/\/schema.org\/ImageObject\">\n\t\t\t\t<meta itemprop=\"url\" content=\"https:\/\/www.psib-psoe.org\/mallorca\/wp-content\/themes\/notio-wp\/assets\/img\/logo.png\">\n\t\t\t<\/span>\n\t\t\t<meta itemprop=\"url\" content=\"https:\/\/www.psib-psoe.org\/mallorca\/\">\n\t\t<\/span>\n\t\t\t\t<span class=\"hide\" itemprop=\"image\" itemscope itemtype=\"http:\/\/schema.org\/ImageObject\">\n\t\t\t<meta itemprop=\"url\" content=\"https:\/\/www.psib-psoe.org\/mallorca\/wp-content\/uploads\/Executiva-Alcudia-2.jpeg\">\n\t\t\t<meta itemprop=\"width\" content=\"2048\">\n\t\t\t<meta itemprop=\"height\" content=\"1536\">\n\t\t<\/span>\n\t\t\t\t<meta itemscope itemprop=\"mainEntityOfPage\" itemtype=\"https:\/\/schema.org\/WebPage\" itemid=\"https:\/\/www.psib-psoe.org\/mallorca\/joan-gaspar-vallori-revalida-la-secretaria-general-de-lagrupacio-socialista-dalcudia\/\">\n\t<\/aside>\n\t\t<\/article>\n<\/div>\n<div class=\"small-12 large-4 columns\">\n\t<article itemscope itemtype=\"http:\/\/schema.org\/Article\" class=\"post blog-style7 alt post-30022 type-post status-publish format-standard has-post-thumbnail hentry category-consell-de-mallorca category-federacio-de-mallorca category-federacio-de-mallorca-portada category-portada tag-amanda-fernandez tag-andreu-serra tag-ares-fernandez tag-bea-gamundi tag-biel-alomar tag-catalina-cladera tag-consell-de-mallorca tag-federacio-socialista-de-mallorca tag-javier-de-juan tag-joan-ferrer tag-juana-m-adrover tag-sofia-alonso\" role=\"article\">\n\t\t<figure class=\"post-gallery\"><img loading=\"lazy\" decoding=\"async\" width=\"600\" height=\"400\" src=\"https:\/\/www.psib-psoe.org\/mallorca\/wp-content\/uploads\/Catalina-rdp-090725-600x400.jpeg\" class=\"attachment-notio-general-x2 size-notio-general-x2 wp-post-image\" alt=\"\" srcset=\"https:\/\/www.psib-psoe.org\/mallorca\/wp-content\/uploads\/Catalina-rdp-090725-600x400.jpeg 600w, https:\/\/www.psib-psoe.org\/mallorca\/wp-content\/uploads\/Catalina-rdp-090725-300x200.jpeg 300w, https:\/\/www.psib-psoe.org\/mallorca\/wp-content\/uploads\/Catalina-rdp-090725-900x600.jpeg 900w, https:\/\/www.psib-psoe.org\/mallorca\/wp-content\/uploads\/Catalina-rdp-090725-20x13.jpeg 20w\" sizes=\"(max-width: 600px) 100vw, 600px\" \/><\/figure>\n\t\t<div class=\"blog-top\">\n\t\t\t<header class=\"post-title entry-header\">\n\t\t\t\t<aside class=\"post-meta cf\">\n\t\t09\/07\/2025 \/ <a href=\"https:\/\/www.psib-psoe.org\/mallorca\/category\/consell-de-mallorca\/\" rel=\"category tag\">Consell de Mallorca<\/a>, <a href=\"https:\/\/www.psib-psoe.org\/mallorca\/category\/federacio-de-mallorca\/\" rel=\"category tag\">Federaci\u00f3 de Mallorca<\/a>, <a href=\"https:\/\/www.psib-psoe.org\/mallorca\/category\/federacio-de-mallorca-portada\/\" rel=\"category tag\">Federaci\u00f3 de Mallorca - Portada<\/a>, <a href=\"https:\/\/www.psib-psoe.org\/mallorca\/category\/portada\/\" rel=\"category tag\">Portada<\/a><\/aside>\n\t\t\t\t<h3 itemprop=\"headline\"><a href=\"https:\/\/www.psib-psoe.org\/mallorca\/els-socialistes-eleven-al-ple-del-consell-el-debat-contra-la-destruccio-del-territori-i-la-massificacio-turistica-que-fomenta-ppvox\/\" title=\"Els Socialistes eleven al ple del Consell el debat contra la destrucci\u00f3 del territori i la massificaci\u00f3 tur\u00edstica que fomenta PPVox.\">Els Socialistes eleven al ple del Consell el debat contra la destrucci\u00f3 del territori i la massificaci\u00f3 tur\u00edstica que fomenta PPVox.<\/a><\/h3>\n\t\t\t<\/header>\n\t\t<\/div>\n\t\t<div class=\"post-content\">\n\t\t\t<a href=\"https:\/\/www.psib-psoe.org\/mallorca\/els-socialistes-eleven-al-ple-del-consell-el-debat-contra-la-destruccio-del-territori-i-la-massificacio-turistica-que-fomenta-ppvox\/\" class=\"more-link\">Read More<\/a>\n\t\t<\/div>\n\t\t\t<aside class=\"post-bottom-meta hide\">\n\t\t<strong rel=\"author\" itemprop=\"author\" class=\"author vcard\"><span class=\"fn\">Albert<\/span><\/strong>\n\t\t<time class=\"date published time\" datetime=\"2025-07-09T14:51:50+02:00\" itemprop=\"datePublished\" content=\"2025-07-09T14:51:50+02:00\">09\/07\/2025<\/time>\n\t\t<meta itemprop=\"dateModified\" class=\"date updated\" content=\"2025-07-09T14:52:02+02:00\">\n\t\t<span class=\"hide\" itemprop=\"publisher\" itemscope itemtype=\"https:\/\/schema.org\/Organization\">\n\t\t\t<meta itemprop=\"name\" content=\"SocialistesdMca\">\n\t\t\t<span itemprop=\"logo\" itemscope itemtype=\"https:\/\/schema.org\/ImageObject\">\n\t\t\t\t<meta itemprop=\"url\" content=\"https:\/\/www.psib-psoe.org\/mallorca\/wp-content\/themes\/notio-wp\/assets\/img\/logo.png\">\n\t\t\t<\/span>\n\t\t\t<meta itemprop=\"url\" content=\"https:\/\/www.psib-psoe.org\/mallorca\/\">\n\t\t<\/span>\n\t\t\t\t<span class=\"hide\" itemprop=\"image\" itemscope itemtype=\"http:\/\/schema.org\/ImageObject\">\n\t\t\t<meta itemprop=\"url\" content=\"https:\/\/www.psib-psoe.org\/mallorca\/wp-content\/uploads\/Catalina-rdp-090725.jpeg\">\n\t\t\t<meta itemprop=\"width\" content=\"2560\">\n\t\t\t<meta itemprop=\"height\" content=\"1881\">\n\t\t<\/span>\n\t\t\t\t<meta itemscope itemprop=\"mainEntityOfPage\" itemtype=\"https:\/\/schema.org\/WebPage\" itemid=\"https:\/\/www.psib-psoe.org\/mallorca\/els-socialistes-eleven-al-ple-del-consell-el-debat-contra-la-destruccio-del-territori-i-la-massificacio-turistica-que-fomenta-ppvox\/\">\n\t<\/aside>\n\t\t<\/article>\n<\/div>\n<div class=\"small-12 large-4 columns\">\n\t<article itemscope itemtype=\"http:\/\/schema.org\/Article\" class=\"post blog-style7 alt post-30018 type-post status-publish format-standard has-post-thumbnail hentry category-federacio-de-mallorca category-federacio-de-mallorca-portada category-municipis category-portada tag-agrupacio-socialista-de-campos tag-campos tag-federacio-socialista-de-mallorca tag-maria-antonia-font tag-psib-psoe\" role=\"article\">\n\t\t<figure class=\"post-gallery\"><img loading=\"lazy\" decoding=\"async\" width=\"600\" height=\"400\" src=\"https:\/\/www.psib-psoe.org\/mallorca\/wp-content\/uploads\/070725_Foto-Grup-Campos-600x400.jpeg\" class=\"attachment-notio-general-x2 size-notio-general-x2 wp-post-image\" alt=\"\" srcset=\"https:\/\/www.psib-psoe.org\/mallorca\/wp-content\/uploads\/070725_Foto-Grup-Campos-600x400.jpeg 600w, https:\/\/www.psib-psoe.org\/mallorca\/wp-content\/uploads\/070725_Foto-Grup-Campos-300x200.jpeg 300w, https:\/\/www.psib-psoe.org\/mallorca\/wp-content\/uploads\/070725_Foto-Grup-Campos-900x600.jpeg 900w, https:\/\/www.psib-psoe.org\/mallorca\/wp-content\/uploads\/070725_Foto-Grup-Campos-20x13.jpeg 20w\" sizes=\"(max-width: 600px) 100vw, 600px\" \/><\/figure>\n\t\t<div class=\"blog-top\">\n\t\t\t<header class=\"post-title entry-header\">\n\t\t\t\t<aside class=\"post-meta cf\">\n\t\t07\/07\/2025 \/ <a href=\"https:\/\/www.psib-psoe.org\/mallorca\/category\/federacio-de-mallorca\/\" rel=\"category tag\">Federaci\u00f3 de Mallorca<\/a>, <a href=\"https:\/\/www.psib-psoe.org\/mallorca\/category\/federacio-de-mallorca-portada\/\" rel=\"category tag\">Federaci\u00f3 de Mallorca - Portada<\/a>, <a href=\"https:\/\/www.psib-psoe.org\/mallorca\/category\/municipis\/\" rel=\"category tag\">Municipis<\/a>, <a href=\"https:\/\/www.psib-psoe.org\/mallorca\/category\/portada\/\" rel=\"category tag\">Portada<\/a><\/aside>\n\t\t\t\t<h3 itemprop=\"headline\"><a href=\"https:\/\/www.psib-psoe.org\/mallorca\/maria-antonia-font-assumeix-la-secretaria-general-de-lagrupacio-socialista-de-campos-amb-lobjectiu-dimpulsar-politiques-locals-justes-sostenibles-i-inclusives\/\" title=\"Maria Ant\u00f2nia Font assumeix la secretaria general de l\u2019Agrupaci\u00f3 Socialista de Campos amb l\u2019objectiu \u201cd\u2019impulsar pol\u00edtiques locals justes, sostenibles i inclusives\u201d\">Maria Ant\u00f2nia Font assumeix la secretaria general de l\u2019Agrupaci\u00f3 Socialista de Campos amb l\u2019objectiu \u201cd\u2019impulsar pol\u00edtiques locals justes, sostenibles i inclusives\u201d<\/a><\/h3>\n\t\t\t<\/header>\n\t\t<\/div>\n\t\t<div class=\"post-content\">\n\t\t\t<a href=\"https:\/\/www.psib-psoe.org\/mallorca\/maria-antonia-font-assumeix-la-secretaria-general-de-lagrupacio-socialista-de-campos-amb-lobjectiu-dimpulsar-politiques-locals-justes-sostenibles-i-inclusives\/\" class=\"more-link\">Read More<\/a>\n\t\t<\/div>\n\t\t\t<aside class=\"post-bottom-meta hide\">\n\t\t<strong rel=\"author\" itemprop=\"author\" class=\"author vcard\"><span class=\"fn\">Marc<\/span><\/strong>\n\t\t<time class=\"date published time\" datetime=\"2025-07-07T13:57:57+02:00\" itemprop=\"datePublished\" content=\"2025-07-07T13:57:57+02:00\">07\/07\/2025<\/time>\n\t\t<meta itemprop=\"dateModified\" class=\"date updated\" content=\"2025-07-07T13:58:08+02:00\">\n\t\t<span class=\"hide\" itemprop=\"publisher\" itemscope itemtype=\"https:\/\/schema.org\/Organization\">\n\t\t\t<meta itemprop=\"name\" content=\"SocialistesdMca\">\n\t\t\t<span itemprop=\"logo\" itemscope itemtype=\"https:\/\/schema.org\/ImageObject\">\n\t\t\t\t<meta itemprop=\"url\" content=\"https:\/\/www.psib-psoe.org\/mallorca\/wp-content\/themes\/notio-wp\/assets\/img\/logo.png\">\n\t\t\t<\/span>\n\t\t\t<meta itemprop=\"url\" content=\"https:\/\/www.psib-psoe.org\/mallorca\/\">\n\t\t<\/span>\n\t\t\t\t<span class=\"hide\" itemprop=\"image\" itemscope itemtype=\"http:\/\/schema.org\/ImageObject\">\n\t\t\t<meta itemprop=\"url\" content=\"https:\/\/www.psib-psoe.org\/mallorca\/wp-content\/uploads\/070725_Foto-Grup-Campos.jpeg\">\n\t\t\t<meta itemprop=\"width\" content=\"2048\">\n\t\t\t<meta itemprop=\"height\" content=\"1536\">\n\t\t<\/span>\n\t\t\t\t<meta itemscope itemprop=\"mainEntityOfPage\" itemtype=\"https:\/\/schema.org\/WebPage\" itemid=\"https:\/\/www.psib-psoe.org\/mallorca\/maria-antonia-font-assumeix-la-secretaria-general-de-lagrupacio-socialista-de-campos-amb-lobjectiu-dimpulsar-politiques-locals-justes-sostenibles-i-inclusives\/\">\n\t<\/aside>\n\t\t<\/article>\n<\/div>\n<div class=\"small-12 large-4 columns\">\n\t<article itemscope itemtype=\"http:\/\/schema.org\/Article\" class=\"post blog-style7 alt post-30013 type-post status-publish format-standard has-post-thumbnail hentry category-15e-congres-fsm category-federacio-de-mallorca category-federacio-de-mallorca-portada category-portada tag-amanda-fernandez tag-ana-maria-muela tag-ares-fernandez tag-joventuts-socialistes-de-les-illes-balears tag-joventuts-socialistes-de-mallorca tag-maria-bel-llinas-2\" role=\"article\">\n\t\t<figure class=\"post-gallery\"><img loading=\"lazy\" decoding=\"async\" width=\"600\" height=\"400\" src=\"https:\/\/www.psib-psoe.org\/mallorca\/wp-content\/uploads\/Mendez-JSMa-3-600x400.jpeg\" class=\"attachment-notio-general-x2 size-notio-general-x2 wp-post-image\" alt=\"\" srcset=\"https:\/\/www.psib-psoe.org\/mallorca\/wp-content\/uploads\/Mendez-JSMa-3-600x400.jpeg 600w, https:\/\/www.psib-psoe.org\/mallorca\/wp-content\/uploads\/Mendez-JSMa-3-300x200.jpeg 300w, https:\/\/www.psib-psoe.org\/mallorca\/wp-content\/uploads\/Mendez-JSMa-3-900x600.jpeg 900w, https:\/\/www.psib-psoe.org\/mallorca\/wp-content\/uploads\/Mendez-JSMa-3-20x13.jpeg 20w\" sizes=\"(max-width: 600px) 100vw, 600px\" \/><\/figure>\n\t\t<div class=\"blog-top\">\n\t\t\t<header class=\"post-title entry-header\">\n\t\t\t\t<aside class=\"post-meta cf\">\n\t\t04\/07\/2025 \/ <a href=\"https:\/\/www.psib-psoe.org\/mallorca\/category\/15e-congres-fsm\/\" rel=\"category tag\">15\u00e8 Congr\u00e9s FSM<\/a>, <a href=\"https:\/\/www.psib-psoe.org\/mallorca\/category\/federacio-de-mallorca\/\" rel=\"category tag\">Federaci\u00f3 de Mallorca<\/a>, <a href=\"https:\/\/www.psib-psoe.org\/mallorca\/category\/federacio-de-mallorca-portada\/\" rel=\"category tag\">Federaci\u00f3 de Mallorca - Portada<\/a>, <a href=\"https:\/\/www.psib-psoe.org\/mallorca\/category\/portada\/\" rel=\"category tag\">Portada<\/a><\/aside>\n\t\t\t\t<h3 itemprop=\"headline\"><a href=\"https:\/\/www.psib-psoe.org\/mallorca\/joan-mendez-ja-es-el-nou-secretari-general-de-les-joventuts-socialistes-de-mallorca-jsm-despres-del-viie-congres-marcat-pel-lema-un-pais-per-transformar\/\" title=\"Joan M\u00e9ndez ja \u00e9s el nou secretari general de les Joventuts Socialistes de Mallorca (JSM), despr\u00e9s del VII\u00e8 Congr\u00e9s marcat pel lema \u2018un pa\u00eds per transformar\u2019.\">Joan M\u00e9ndez ja \u00e9s el nou secretari general de les Joventuts Socialistes de Mallorca (JSM), despr\u00e9s del VII\u00e8 Congr\u00e9s marcat pel lema \u2018un pa\u00eds per transformar\u2019.<\/a><\/h3>\n\t\t\t<\/header>\n\t\t<\/div>\n\t\t<div class=\"post-content\">\n\t\t\t<a href=\"https:\/\/www.psib-psoe.org\/mallorca\/joan-mendez-ja-es-el-nou-secretari-general-de-les-joventuts-socialistes-de-mallorca-jsm-despres-del-viie-congres-marcat-pel-lema-un-pais-per-transformar\/\" class=\"more-link\">Read More<\/a>\n\t\t<\/div>\n\t\t\t<aside class=\"post-bottom-meta hide\">\n\t\t<strong rel=\"author\" itemprop=\"author\" class=\"author vcard\"><span class=\"fn\">Albert<\/span><\/strong>\n\t\t<time class=\"date published time\" datetime=\"2025-07-04T19:27:32+02:00\" itemprop=\"datePublished\" content=\"2025-07-04T19:27:32+02:00\">04\/07\/2025<\/time>\n\t\t<meta itemprop=\"dateModified\" class=\"date updated\" content=\"2025-07-04T19:27:43+02:00\">\n\t\t<span class=\"hide\" itemprop=\"publisher\" itemscope itemtype=\"https:\/\/schema.org\/Organization\">\n\t\t\t<meta itemprop=\"name\" content=\"SocialistesdMca\">\n\t\t\t<span itemprop=\"logo\" itemscope itemtype=\"https:\/\/schema.org\/ImageObject\">\n\t\t\t\t<meta itemprop=\"url\" content=\"https:\/\/www.psib-psoe.org\/mallorca\/wp-content\/themes\/notio-wp\/assets\/img\/logo.png\">\n\t\t\t<\/span>\n\t\t\t<meta itemprop=\"url\" content=\"https:\/\/www.psib-psoe.org\/mallorca\/\">\n\t\t<\/span>\n\t\t\t\t<span class=\"hide\" itemprop=\"image\" itemscope itemtype=\"http:\/\/schema.org\/ImageObject\">\n\t\t\t<meta itemprop=\"url\" content=\"https:\/\/www.psib-psoe.org\/mallorca\/wp-content\/uploads\/Mendez-JSMa-3.jpeg\">\n\t\t\t<meta itemprop=\"width\" content=\"1600\">\n\t\t\t<meta itemprop=\"height\" content=\"1200\">\n\t\t<\/span>\n\t\t\t\t<meta itemscope itemprop=\"mainEntityOfPage\" itemtype=\"https:\/\/schema.org\/WebPage\" itemid=\"https:\/\/www.psib-psoe.org\/mallorca\/joan-mendez-ja-es-el-nou-secretari-general-de-les-joventuts-socialistes-de-mallorca-jsm-despres-del-viie-congres-marcat-pel-lema-un-pais-per-transformar\/\">\n\t<\/aside>\n\t\t<\/article>\n<\/div>\n<div class=\"small-12 large-4 columns\">\n\t<article itemscope itemtype=\"http:\/\/schema.org\/Article\" class=\"post blog-style7 alt post-30010 type-post status-publish format-standard has-post-thumbnail hentry category-consell-de-mallorca category-federacio-de-mallorca category-federacio-de-mallorca-portada category-portada tag-amanda-fernandez tag-andreu-serra tag-ares-fernandez tag-catalina-cladera tag-consell-de-mallorca tag-federacio-socialista-de-mallorca tag-joan-ferrer tag-juana-m-adrover\" role=\"article\">\n\t\t<figure class=\"post-gallery\"><img loading=\"lazy\" decoding=\"async\" width=\"600\" height=\"400\" src=\"https:\/\/www.psib-psoe.org\/mallorca\/wp-content\/uploads\/Grup-DPG-600x400.jpg\" class=\"attachment-notio-general-x2 size-notio-general-x2 wp-post-image\" alt=\"\" srcset=\"https:\/\/www.psib-psoe.org\/mallorca\/wp-content\/uploads\/Grup-DPG-600x400.jpg 600w, https:\/\/www.psib-psoe.org\/mallorca\/wp-content\/uploads\/Grup-DPG-300x200.jpg 300w, https:\/\/www.psib-psoe.org\/mallorca\/wp-content\/uploads\/Grup-DPG-900x600.jpg 900w, https:\/\/www.psib-psoe.org\/mallorca\/wp-content\/uploads\/Grup-DPG-20x13.jpg 20w\" sizes=\"(max-width: 600px) 100vw, 600px\" \/><\/figure>\n\t\t<div class=\"blog-top\">\n\t\t\t<header class=\"post-title entry-header\">\n\t\t\t\t<aside class=\"post-meta cf\">\n\t\t04\/07\/2025 \/ <a href=\"https:\/\/www.psib-psoe.org\/mallorca\/category\/consell-de-mallorca\/\" rel=\"category tag\">Consell de Mallorca<\/a>, <a href=\"https:\/\/www.psib-psoe.org\/mallorca\/category\/federacio-de-mallorca\/\" rel=\"category tag\">Federaci\u00f3 de Mallorca<\/a>, <a href=\"https:\/\/www.psib-psoe.org\/mallorca\/category\/federacio-de-mallorca-portada\/\" rel=\"category tag\">Federaci\u00f3 de Mallorca - Portada<\/a>, <a href=\"https:\/\/www.psib-psoe.org\/mallorca\/category\/portada\/\" rel=\"category tag\">Portada<\/a><\/aside>\n\t\t\t\t<h3 itemprop=\"headline\"><a href=\"https:\/\/www.psib-psoe.org\/mallorca\/el-conseller-de-turisme-jose-marcial-rodriguez-falseja-les-dades-de-sancions-turistiques-de-2024\/\" title=\"El conseller de Turisme Jos\u00e9 Marcial Rodr\u00edguez falseja les dades de sancions tur\u00edstiques de 2024.\">El conseller de Turisme Jos\u00e9 Marcial Rodr\u00edguez falseja les dades de sancions tur\u00edstiques de 2024.<\/a><\/h3>\n\t\t\t<\/header>\n\t\t<\/div>\n\t\t<div class=\"post-content\">\n\t\t\t<a href=\"https:\/\/www.psib-psoe.org\/mallorca\/el-conseller-de-turisme-jose-marcial-rodriguez-falseja-les-dades-de-sancions-turistiques-de-2024\/\" class=\"more-link\">Read More<\/a>\n\t\t<\/div>\n\t\t\t<aside class=\"post-bottom-meta hide\">\n\t\t<strong rel=\"author\" itemprop=\"author\" class=\"author vcard\"><span class=\"fn\">Albert<\/span><\/strong>\n\t\t<time class=\"date published time\" datetime=\"2025-07-04T12:43:54+02:00\" itemprop=\"datePublished\" content=\"2025-07-04T12:43:54+02:00\">04\/07\/2025<\/time>\n\t\t<meta itemprop=\"dateModified\" class=\"date updated\" content=\"2025-07-04T12:44:05+02:00\">\n\t\t<span class=\"hide\" itemprop=\"publisher\" itemscope itemtype=\"https:\/\/schema.org\/Organization\">\n\t\t\t<meta itemprop=\"name\" content=\"SocialistesdMca\">\n\t\t\t<span itemprop=\"logo\" itemscope itemtype=\"https:\/\/schema.org\/ImageObject\">\n\t\t\t\t<meta itemprop=\"url\" content=\"https:\/\/www.psib-psoe.org\/mallorca\/wp-content\/themes\/notio-wp\/assets\/img\/logo.png\">\n\t\t\t<\/span>\n\t\t\t<meta itemprop=\"url\" content=\"https:\/\/www.psib-psoe.org\/mallorca\/\">\n\t\t<\/span>\n\t\t\t\t<span class=\"hide\" itemprop=\"image\" itemscope itemtype=\"http:\/\/schema.org\/ImageObject\">\n\t\t\t<meta itemprop=\"url\" content=\"https:\/\/www.psib-psoe.org\/mallorca\/wp-content\/uploads\/Grup-DPG.jpg\">\n\t\t\t<meta itemprop=\"width\" content=\"2048\">\n\t\t\t<meta itemprop=\"height\" content=\"1536\">\n\t\t<\/span>\n\t\t\t\t<meta itemscope itemprop=\"mainEntityOfPage\" itemtype=\"https:\/\/schema.org\/WebPage\" itemid=\"https:\/\/www.psib-psoe.org\/mallorca\/el-conseller-de-turisme-jose-marcial-rodriguez-falseja-les-dades-de-sancions-turistiques-de-2024\/\">\n\t<\/aside>\n\t\t<\/article>\n<\/div>\n<div class=\"small-12 large-4 columns\">\n\t<article itemscope itemtype=\"http:\/\/schema.org\/Article\" class=\"post blog-style7 alt post-30007 type-post status-publish format-standard has-post-thumbnail hentry category-federacio-de-mallorca category-federacio-de-mallorca-portada category-municipis category-portada tag-agrupacio-socialista-de-manacor tag-amanda-fernandez tag-federacio-socialista-de-mallorca tag-manacor tag-nuria-hinojosa tag-psib-psoe\" role=\"article\">\n\t\t<figure class=\"post-gallery\"><img loading=\"lazy\" decoding=\"async\" width=\"600\" height=\"400\" src=\"https:\/\/www.psib-psoe.org\/mallorca\/wp-content\/uploads\/030725_Foto-grup-Manacor-600x400.jpeg\" class=\"attachment-notio-general-x2 size-notio-general-x2 wp-post-image\" alt=\"\" srcset=\"https:\/\/www.psib-psoe.org\/mallorca\/wp-content\/uploads\/030725_Foto-grup-Manacor-600x400.jpeg 600w, https:\/\/www.psib-psoe.org\/mallorca\/wp-content\/uploads\/030725_Foto-grup-Manacor-300x200.jpeg 300w, https:\/\/www.psib-psoe.org\/mallorca\/wp-content\/uploads\/030725_Foto-grup-Manacor-900x600.jpeg 900w, https:\/\/www.psib-psoe.org\/mallorca\/wp-content\/uploads\/030725_Foto-grup-Manacor-20x13.jpeg 20w\" sizes=\"(max-width: 600px) 100vw, 600px\" \/><\/figure>\n\t\t<div class=\"blog-top\">\n\t\t\t<header class=\"post-title entry-header\">\n\t\t\t\t<aside class=\"post-meta cf\">\n\t\t03\/07\/2025 \/ <a href=\"https:\/\/www.psib-psoe.org\/mallorca\/category\/federacio-de-mallorca\/\" rel=\"category tag\">Federaci\u00f3 de Mallorca<\/a>, <a href=\"https:\/\/www.psib-psoe.org\/mallorca\/category\/federacio-de-mallorca-portada\/\" rel=\"category tag\">Federaci\u00f3 de Mallorca - Portada<\/a>, <a href=\"https:\/\/www.psib-psoe.org\/mallorca\/category\/municipis\/\" rel=\"category tag\">Municipis<\/a>, <a href=\"https:\/\/www.psib-psoe.org\/mallorca\/category\/portada\/\" rel=\"category tag\">Portada<\/a><\/aside>\n\t\t\t\t<h3 itemprop=\"headline\"><a href=\"https:\/\/www.psib-psoe.org\/mallorca\/els-socialistes-de-manacor-presenten-la-seva-nova-comissio-executiva-on-nuria-hinojosa-continuara-com-a-secretaria-general\/\" title=\"Els Socialistes de Manacor presenten la seva nova comissi\u00f3 executiva on N\u00faria Hinojosa continuar\u00e0 com a secret\u00e0ria general\">Els Socialistes de Manacor presenten la seva nova comissi\u00f3 executiva on N\u00faria Hinojosa continuar\u00e0 com a secret\u00e0ria general<\/a><\/h3>\n\t\t\t<\/header>\n\t\t<\/div>\n\t\t<div class=\"post-content\">\n\t\t\t<a href=\"https:\/\/www.psib-psoe.org\/mallorca\/els-socialistes-de-manacor-presenten-la-seva-nova-comissio-executiva-on-nuria-hinojosa-continuara-com-a-secretaria-general\/\" class=\"more-link\">Read More<\/a>\n\t\t<\/div>\n\t\t\t<aside class=\"post-bottom-meta hide\">\n\t\t<strong rel=\"author\" itemprop=\"author\" class=\"author vcard\"><span class=\"fn\">Marc<\/span><\/strong>\n\t\t<time class=\"date published time\" datetime=\"2025-07-03T14:45:46+02:00\" itemprop=\"datePublished\" content=\"2025-07-03T14:45:46+02:00\">03\/07\/2025<\/time>\n\t\t<meta itemprop=\"dateModified\" class=\"date updated\" content=\"2025-07-03T14:45:57+02:00\">\n\t\t<span class=\"hide\" itemprop=\"publisher\" itemscope itemtype=\"https:\/\/schema.org\/Organization\">\n\t\t\t<meta itemprop=\"name\" content=\"SocialistesdMca\">\n\t\t\t<span itemprop=\"logo\" itemscope itemtype=\"https:\/\/schema.org\/ImageObject\">\n\t\t\t\t<meta itemprop=\"url\" content=\"https:\/\/www.psib-psoe.org\/mallorca\/wp-content\/themes\/notio-wp\/assets\/img\/logo.png\">\n\t\t\t<\/span>\n\t\t\t<meta itemprop=\"url\" content=\"https:\/\/www.psib-psoe.org\/mallorca\/\">\n\t\t<\/span>\n\t\t\t\t<span class=\"hide\" itemprop=\"image\" itemscope itemtype=\"http:\/\/schema.org\/ImageObject\">\n\t\t\t<meta itemprop=\"url\" content=\"https:\/\/www.psib-psoe.org\/mallorca\/wp-content\/uploads\/030725_Foto-grup-Manacor-scaled.jpeg\">\n\t\t\t<meta itemprop=\"width\" content=\"1920\">\n\t\t\t<meta itemprop=\"height\" content=\"2560\">\n\t\t<\/span>\n\t\t\t\t<meta itemscope itemprop=\"mainEntityOfPage\" itemtype=\"https:\/\/schema.org\/WebPage\" itemid=\"https:\/\/www.psib-psoe.org\/mallorca\/els-socialistes-de-manacor-presenten-la-seva-nova-comissio-executiva-on-nuria-hinojosa-continuara-com-a-secretaria-general\/\">\n\t<\/aside>\n\t\t<\/article>\n<\/div>\n<div class=\"small-12 large-4 columns\">\n\t<article itemscope itemtype=\"http:\/\/schema.org\/Article\" class=\"post blog-style7 alt post-30002 type-post status-publish format-standard has-post-thumbnail hentry category-federacio-de-mallorca category-federacio-de-mallorca-portada category-municipis category-portada tag-amanda-fernandez tag-ares-fernandez tag-elsa-herranz tag-federacio-socialista-de-mallorca tag-jaume-j-oliver tag-llucmajor tag-socialistes-de-llucmajor\" role=\"article\">\n\t\t<figure class=\"post-gallery\"><img loading=\"lazy\" decoding=\"async\" width=\"600\" height=\"400\" src=\"https:\/\/www.psib-psoe.org\/mallorca\/wp-content\/uploads\/ple-Llucmajor-030725-3-600x400.jpeg\" class=\"attachment-notio-general-x2 size-notio-general-x2 wp-post-image\" alt=\"\" srcset=\"https:\/\/www.psib-psoe.org\/mallorca\/wp-content\/uploads\/ple-Llucmajor-030725-3-600x400.jpeg 600w, https:\/\/www.psib-psoe.org\/mallorca\/wp-content\/uploads\/ple-Llucmajor-030725-3-300x200.jpeg 300w, https:\/\/www.psib-psoe.org\/mallorca\/wp-content\/uploads\/ple-Llucmajor-030725-3-900x600.jpeg 900w, https:\/\/www.psib-psoe.org\/mallorca\/wp-content\/uploads\/ple-Llucmajor-030725-3-20x13.jpeg 20w\" sizes=\"(max-width: 600px) 100vw, 600px\" \/><\/figure>\n\t\t<div class=\"blog-top\">\n\t\t\t<header class=\"post-title entry-header\">\n\t\t\t\t<aside class=\"post-meta cf\">\n\t\t03\/07\/2025 \/ <a href=\"https:\/\/www.psib-psoe.org\/mallorca\/category\/federacio-de-mallorca\/\" rel=\"category tag\">Federaci\u00f3 de Mallorca<\/a>, <a href=\"https:\/\/www.psib-psoe.org\/mallorca\/category\/federacio-de-mallorca-portada\/\" rel=\"category tag\">Federaci\u00f3 de Mallorca - Portada<\/a>, <a href=\"https:\/\/www.psib-psoe.org\/mallorca\/category\/municipis\/\" rel=\"category tag\">Municipis<\/a>, <a href=\"https:\/\/www.psib-psoe.org\/mallorca\/category\/portada\/\" rel=\"category tag\">Portada<\/a><\/aside>\n\t\t\t\t<h3 itemprop=\"headline\"><a href=\"https:\/\/www.psib-psoe.org\/mallorca\/el-ple-de-llucmajor-aprova-reclamar-el-tancament-de-la-macro-granja-davicola-son-perot-a-proposta-de-loposicio-pero-lequip-de-govern-no-sap-com-fer-ho\/\" title=\"El ple de Llucmajor aprova reclamar el tancament de la macro-granja d\u2019Av\u00edcola Son Perot, \u00a0a proposta de l\u2019oposici\u00f3, per\u00f2 l\u2019equip de govern no sap com fer-ho.\">El ple de Llucmajor aprova reclamar el tancament de la macro-granja d\u2019Av\u00edcola Son Perot, \u00a0a proposta de l\u2019oposici\u00f3, per\u00f2 l\u2019equip de govern no sap com fer-ho.<\/a><\/h3>\n\t\t\t<\/header>\n\t\t<\/div>\n\t\t<div class=\"post-content\">\n\t\t\t<a href=\"https:\/\/www.psib-psoe.org\/mallorca\/el-ple-de-llucmajor-aprova-reclamar-el-tancament-de-la-macro-granja-davicola-son-perot-a-proposta-de-loposicio-pero-lequip-de-govern-no-sap-com-fer-ho\/\" class=\"more-link\">Read More<\/a>\n\t\t<\/div>\n\t\t\t<aside class=\"post-bottom-meta hide\">\n\t\t<strong rel=\"author\" itemprop=\"author\" class=\"author vcard\"><span class=\"fn\">Albert<\/span><\/strong>\n\t\t<time class=\"date published time\" datetime=\"2025-07-03T14:34:12+02:00\" itemprop=\"datePublished\" content=\"2025-07-03T14:34:12+02:00\">03\/07\/2025<\/time>\n\t\t<meta itemprop=\"dateModified\" class=\"date updated\" content=\"2025-07-03T14:34:25+02:00\">\n\t\t<span class=\"hide\" itemprop=\"publisher\" itemscope itemtype=\"https:\/\/schema.org\/Organization\">\n\t\t\t<meta itemprop=\"name\" content=\"SocialistesdMca\">\n\t\t\t<span itemprop=\"logo\" itemscope itemtype=\"https:\/\/schema.org\/ImageObject\">\n\t\t\t\t<meta itemprop=\"url\" content=\"https:\/\/www.psib-psoe.org\/mallorca\/wp-content\/themes\/notio-wp\/assets\/img\/logo.png\">\n\t\t\t<\/span>\n\t\t\t<meta itemprop=\"url\" content=\"https:\/\/www.psib-psoe.org\/mallorca\/\">\n\t\t<\/span>\n\t\t\t\t<span class=\"hide\" itemprop=\"image\" itemscope itemtype=\"http:\/\/schema.org\/ImageObject\">\n\t\t\t<meta itemprop=\"url\" content=\"https:\/\/www.psib-psoe.org\/mallorca\/wp-content\/uploads\/ple-Llucmajor-030725-3.jpeg\">\n\t\t\t<meta itemprop=\"width\" content=\"2048\">\n\t\t\t<meta itemprop=\"height\" content=\"1886\">\n\t\t<\/span>\n\t\t\t\t<meta itemscope itemprop=\"mainEntityOfPage\" itemtype=\"https:\/\/schema.org\/WebPage\" itemid=\"https:\/\/www.psib-psoe.org\/mallorca\/el-ple-de-llucmajor-aprova-reclamar-el-tancament-de-la-macro-granja-davicola-son-perot-a-proposta-de-loposicio-pero-lequip-de-govern-no-sap-com-fer-ho\/\">\n\t<\/aside>\n\t\t<\/article>\n<\/div>\n<div class=\"small-12 large-4 columns\">\n\t<article itemscope itemtype=\"http:\/\/schema.org\/Article\" class=\"post blog-style7 alt post-29997 type-post status-publish format-standard has-post-thumbnail hentry category-consell-de-mallorca category-federacio-de-mallorca category-federacio-de-mallorca-portada category-municipis category-portada tag-amanda-fernandez tag-ares-fernandez tag-catalina-cladera tag-consell-de-mallorca tag-federacio-socialista-de-mallorca tag-joan-ferrer tag-mercedes-garrido\" role=\"article\">\n\t\t<figure class=\"post-gallery\"><img loading=\"lazy\" decoding=\"async\" width=\"600\" height=\"400\" src=\"https:\/\/www.psib-psoe.org\/mallorca\/wp-content\/uploads\/Rdp-Serra-urbanisme-600x400.jpeg\" class=\"attachment-notio-general-x2 size-notio-general-x2 wp-post-image\" alt=\"\" srcset=\"https:\/\/www.psib-psoe.org\/mallorca\/wp-content\/uploads\/Rdp-Serra-urbanisme-600x400.jpeg 600w, https:\/\/www.psib-psoe.org\/mallorca\/wp-content\/uploads\/Rdp-Serra-urbanisme-300x200.jpeg 300w, https:\/\/www.psib-psoe.org\/mallorca\/wp-content\/uploads\/Rdp-Serra-urbanisme-20x13.jpeg 20w, https:\/\/www.psib-psoe.org\/mallorca\/wp-content\/uploads\/Rdp-Serra-urbanisme-900x600.jpeg 900w\" sizes=\"(max-width: 600px) 100vw, 600px\" \/><\/figure>\n\t\t<div class=\"blog-top\">\n\t\t\t<header class=\"post-title entry-header\">\n\t\t\t\t<aside class=\"post-meta cf\">\n\t\t03\/07\/2025 \/ <a href=\"https:\/\/www.psib-psoe.org\/mallorca\/category\/consell-de-mallorca\/\" rel=\"category tag\">Consell de Mallorca<\/a>, <a href=\"https:\/\/www.psib-psoe.org\/mallorca\/category\/federacio-de-mallorca\/\" rel=\"category tag\">Federaci\u00f3 de Mallorca<\/a>, <a href=\"https:\/\/www.psib-psoe.org\/mallorca\/category\/federacio-de-mallorca-portada\/\" rel=\"category tag\">Federaci\u00f3 de Mallorca - Portada<\/a>, <a href=\"https:\/\/www.psib-psoe.org\/mallorca\/category\/municipis\/\" rel=\"category tag\">Municipis<\/a>, <a href=\"https:\/\/www.psib-psoe.org\/mallorca\/category\/portada\/\" rel=\"category tag\">Portada<\/a><\/aside>\n\t\t\t\t<h3 itemprop=\"headline\"><a href=\"https:\/\/www.psib-psoe.org\/mallorca\/el-grup-socialista-no-assisteix-a-lacte-de-galmes-per-celebrar-la-declaracio-de-patrimoni-unesco-de-la-serra-tramuntana-en-desacord-amb-lamnistia-urbanistica-de-ppvox-no-vo\/\" title=\"El Grup Socialista no assisteix a l\u2019acte de Galm\u00e9s per celebrar la declaraci\u00f3 de patrimoni UNESCO de la Serra de Tramuntana en desacord amb l\u2019amnistia urban\u00edstica de PPVox: \u201cno volem participar en aquest acte de blanquejament i d\u2019hipocresia\u201d.\">El Grup Socialista no assisteix a l\u2019acte de Galm\u00e9s per celebrar la declaraci\u00f3 de patrimoni UNESCO de la Serra de Tramuntana en desacord amb l\u2019amnistia urban\u00edstica de PPVox: \u201cno volem participar en aquest acte de blanquejament i d\u2019hipocresia\u201d.<\/a><\/h3>\n\t\t\t<\/header>\n\t\t<\/div>\n\t\t<div class=\"post-content\">\n\t\t\t<a href=\"https:\/\/www.psib-psoe.org\/mallorca\/el-grup-socialista-no-assisteix-a-lacte-de-galmes-per-celebrar-la-declaracio-de-patrimoni-unesco-de-la-serra-tramuntana-en-desacord-amb-lamnistia-urbanistica-de-ppvox-no-vo\/\" class=\"more-link\">Read More<\/a>\n\t\t<\/div>\n\t\t\t<aside class=\"post-bottom-meta hide\">\n\t\t<strong rel=\"author\" itemprop=\"author\" class=\"author vcard\"><span class=\"fn\">Albert<\/span><\/strong>\n\t\t<time class=\"date published time\" datetime=\"2025-07-03T13:22:18+02:00\" itemprop=\"datePublished\" content=\"2025-07-03T13:22:18+02:00\">03\/07\/2025<\/time>\n\t\t<meta itemprop=\"dateModified\" class=\"date updated\" content=\"2025-07-03T13:35:00+02:00\">\n\t\t<span class=\"hide\" itemprop=\"publisher\" itemscope itemtype=\"https:\/\/schema.org\/Organization\">\n\t\t\t<meta itemprop=\"name\" content=\"SocialistesdMca\">\n\t\t\t<span itemprop=\"logo\" itemscope itemtype=\"https:\/\/schema.org\/ImageObject\">\n\t\t\t\t<meta itemprop=\"url\" content=\"https:\/\/www.psib-psoe.org\/mallorca\/wp-content\/themes\/notio-wp\/assets\/img\/logo.png\">\n\t\t\t<\/span>\n\t\t\t<meta itemprop=\"url\" content=\"https:\/\/www.psib-psoe.org\/mallorca\/\">\n\t\t<\/span>\n\t\t\t\t<span class=\"hide\" itemprop=\"image\" itemscope itemtype=\"http:\/\/schema.org\/ImageObject\">\n\t\t\t<meta itemprop=\"url\" content=\"https:\/\/www.psib-psoe.org\/mallorca\/wp-content\/uploads\/Rdp-Serra-urbanisme-scaled.jpeg\">\n\t\t\t<meta itemprop=\"width\" content=\"2560\">\n\t\t\t<meta itemprop=\"height\" content=\"1581\">\n\t\t<\/span>\n\t\t\t\t<meta itemscope itemprop=\"mainEntityOfPage\" itemtype=\"https:\/\/schema.org\/WebPage\" itemid=\"https:\/\/www.psib-psoe.org\/mallorca\/el-grup-socialista-no-assisteix-a-lacte-de-galmes-per-celebrar-la-declaracio-de-patrimoni-unesco-de-la-serra-tramuntana-en-desacord-amb-lamnistia-urbanistica-de-ppvox-no-vo\/\">\n\t<\/aside>\n\t\t<\/article>\n<\/div>\n<div class=\"small-12 large-4 columns\">\n\t<article itemscope itemtype=\"http:\/\/schema.org\/Article\" class=\"post blog-style7 alt post-29992 type-post status-publish format-standard has-post-thumbnail hentry category-federacio-de-mallorca category-federacio-de-mallorca-portada category-municipis category-portada tag-agrupacio-socialista-dalgaida-pina-i-randa tag-amanda-fernandez tag-ares-fernandez tag-catalina-cladera tag-federacio-socialista-de-mallorca tag-joan-janer tag-malena-riudavets tag-marga-fullana\" role=\"article\">\n\t\t<figure class=\"post-gallery\"><img loading=\"lazy\" decoding=\"async\" width=\"600\" height=\"400\" src=\"https:\/\/www.psib-psoe.org\/mallorca\/wp-content\/uploads\/Algaida-comunitat-educativa-600x400.jpeg\" class=\"attachment-notio-general-x2 size-notio-general-x2 wp-post-image\" alt=\"\" srcset=\"https:\/\/www.psib-psoe.org\/mallorca\/wp-content\/uploads\/Algaida-comunitat-educativa-600x400.jpeg 600w, https:\/\/www.psib-psoe.org\/mallorca\/wp-content\/uploads\/Algaida-comunitat-educativa-300x200.jpeg 300w, https:\/\/www.psib-psoe.org\/mallorca\/wp-content\/uploads\/Algaida-comunitat-educativa-20x13.jpeg 20w, https:\/\/www.psib-psoe.org\/mallorca\/wp-content\/uploads\/Algaida-comunitat-educativa-900x600.jpeg 900w\" sizes=\"(max-width: 600px) 100vw, 600px\" \/><\/figure>\n\t\t<div class=\"blog-top\">\n\t\t\t<header class=\"post-title entry-header\">\n\t\t\t\t<aside class=\"post-meta cf\">\n\t\t02\/07\/2025 \/ <a href=\"https:\/\/www.psib-psoe.org\/mallorca\/category\/federacio-de-mallorca\/\" rel=\"category tag\">Federaci\u00f3 de Mallorca<\/a>, <a href=\"https:\/\/www.psib-psoe.org\/mallorca\/category\/federacio-de-mallorca-portada\/\" rel=\"category tag\">Federaci\u00f3 de Mallorca - Portada<\/a>, <a href=\"https:\/\/www.psib-psoe.org\/mallorca\/category\/municipis\/\" rel=\"category tag\">Municipis<\/a>, <a href=\"https:\/\/www.psib-psoe.org\/mallorca\/category\/portada\/\" rel=\"category tag\">Portada<\/a><\/aside>\n\t\t\t\t<h3 itemprop=\"headline\"><a href=\"https:\/\/www.psib-psoe.org\/mallorca\/mes-per-mallorca-i-psib-psoe-se-sumen-a-la-defensa-de-la-comunitat-educativa-del-ceip-pare-bartomeu-pou-dalgaida-dels-atacs-de-la-ultra-dreta-de-vox\/\" title=\"Mes per Mallorca i PSIB-PSOE se sumen a la defensa de la comunitat educativa del CEIP Pare Bartomeu Pou d\u2019Algaida, dels atacs de la ultra dreta de Vox.\">Mes per Mallorca i PSIB-PSOE se sumen a la defensa de la comunitat educativa del CEIP Pare Bartomeu Pou d\u2019Algaida, dels atacs de la ultra dreta de Vox.<\/a><\/h3>\n\t\t\t<\/header>\n\t\t<\/div>\n\t\t<div class=\"post-content\">\n\t\t\t<a href=\"https:\/\/www.psib-psoe.org\/mallorca\/mes-per-mallorca-i-psib-psoe-se-sumen-a-la-defensa-de-la-comunitat-educativa-del-ceip-pare-bartomeu-pou-dalgaida-dels-atacs-de-la-ultra-dreta-de-vox\/\" class=\"more-link\">Read More<\/a>\n\t\t<\/div>\n\t\t\t<aside class=\"post-bottom-meta hide\">\n\t\t<strong rel=\"author\" itemprop=\"author\" class=\"author vcard\"><span class=\"fn\">Albert<\/span><\/strong>\n\t\t<time class=\"date published time\" datetime=\"2025-07-02T20:07:12+02:00\" itemprop=\"datePublished\" content=\"2025-07-02T20:07:12+02:00\">02\/07\/2025<\/time>\n\t\t<meta itemprop=\"dateModified\" class=\"date updated\" content=\"2025-07-02T20:07:23+02:00\">\n\t\t<span class=\"hide\" itemprop=\"publisher\" itemscope itemtype=\"https:\/\/schema.org\/Organization\">\n\t\t\t<meta itemprop=\"name\" content=\"SocialistesdMca\">\n\t\t\t<span itemprop=\"logo\" itemscope itemtype=\"https:\/\/schema.org\/ImageObject\">\n\t\t\t\t<meta itemprop=\"url\" content=\"https:\/\/www.psib-psoe.org\/mallorca\/wp-content\/themes\/notio-wp\/assets\/img\/logo.png\">\n\t\t\t<\/span>\n\t\t\t<meta itemprop=\"url\" content=\"https:\/\/www.psib-psoe.org\/mallorca\/\">\n\t\t<\/span>\n\t\t\t\t<span class=\"hide\" itemprop=\"image\" itemscope itemtype=\"http:\/\/schema.org\/ImageObject\">\n\t\t\t<meta itemprop=\"url\" content=\"https:\/\/www.psib-psoe.org\/mallorca\/wp-content\/uploads\/Algaida-comunitat-educativa-scaled.jpeg\">\n\t\t\t<meta itemprop=\"width\" content=\"2560\">\n\t\t\t<meta itemprop=\"height\" content=\"1619\">\n\t\t<\/span>\n\t\t\t\t<meta itemscope itemprop=\"mainEntityOfPage\" itemtype=\"https:\/\/schema.org\/WebPage\" itemid=\"https:\/\/www.psib-psoe.org\/mallorca\/mes-per-mallorca-i-psib-psoe-se-sumen-a-la-defensa-de-la-comunitat-educativa-del-ceip-pare-bartomeu-pou-dalgaida-dels-atacs-de-la-ultra-dreta-de-vox\/\">\n\t<\/aside>\n\t\t<\/article>\n<\/div>\n<div class=\"small-12 large-4 columns\">\n\t<article itemscope itemtype=\"http:\/\/schema.org\/Article\" class=\"post blog-style7 alt post-29987 type-post status-publish format-standard has-post-thumbnail hentry category-federacio-de-mallorca category-federacio-de-mallorca-portada category-municipis category-portada tag-agrupacio-socialista-de-pollenca tag-amanda-fernandez tag-federacio-socialista-de-mallorca tag-maria-jose-jimenez tag-psib-psoe\" role=\"article\">\n\t\t<figure class=\"post-gallery\"><img loading=\"lazy\" decoding=\"async\" width=\"600\" height=\"400\" src=\"https:\/\/www.psib-psoe.org\/mallorca\/wp-content\/uploads\/020725_Foto-Grup-Pollenca-600x400.jpeg\" class=\"attachment-notio-general-x2 size-notio-general-x2 wp-post-image\" alt=\"\" srcset=\"https:\/\/www.psib-psoe.org\/mallorca\/wp-content\/uploads\/020725_Foto-Grup-Pollenca-600x400.jpeg 600w, https:\/\/www.psib-psoe.org\/mallorca\/wp-content\/uploads\/020725_Foto-Grup-Pollenca-300x200.jpeg 300w, https:\/\/www.psib-psoe.org\/mallorca\/wp-content\/uploads\/020725_Foto-Grup-Pollenca-900x600.jpeg 900w, https:\/\/www.psib-psoe.org\/mallorca\/wp-content\/uploads\/020725_Foto-Grup-Pollenca-20x13.jpeg 20w\" sizes=\"(max-width: 600px) 100vw, 600px\" \/><\/figure>\n\t\t<div class=\"blog-top\">\n\t\t\t<header class=\"post-title entry-header\">\n\t\t\t\t<aside class=\"post-meta cf\">\n\t\t02\/07\/2025 \/ <a href=\"https:\/\/www.psib-psoe.org\/mallorca\/category\/federacio-de-mallorca\/\" rel=\"category tag\">Federaci\u00f3 de Mallorca<\/a>, <a href=\"https:\/\/www.psib-psoe.org\/mallorca\/category\/federacio-de-mallorca-portada\/\" rel=\"category tag\">Federaci\u00f3 de Mallorca - Portada<\/a>, <a href=\"https:\/\/www.psib-psoe.org\/mallorca\/category\/municipis\/\" rel=\"category tag\">Municipis<\/a>, <a href=\"https:\/\/www.psib-psoe.org\/mallorca\/category\/portada\/\" rel=\"category tag\">Portada<\/a><\/aside>\n\t\t\t\t<h3 itemprop=\"headline\"><a href=\"https:\/\/www.psib-psoe.org\/mallorca\/maria-jose-jimenez-nova-secretaria-general-de-lagrupacio-socialista-de-pollenca\/\" title=\"Maria Jos\u00e9 Jim\u00e9nez, nova secret\u00e0ria general de l\u2019Agrupaci\u00f3 Socialista de Pollen\u00e7a\">Maria Jos\u00e9 Jim\u00e9nez, nova secret\u00e0ria general de l\u2019Agrupaci\u00f3 Socialista de Pollen\u00e7a<\/a><\/h3>\n\t\t\t<\/header>\n\t\t<\/div>\n\t\t<div class=\"post-content\">\n\t\t\t<a href=\"https:\/\/www.psib-psoe.org\/mallorca\/maria-jose-jimenez-nova-secretaria-general-de-lagrupacio-socialista-de-pollenca\/\" class=\"more-link\">Read More<\/a>\n\t\t<\/div>\n\t\t\t<aside class=\"post-bottom-meta hide\">\n\t\t<strong rel=\"author\" itemprop=\"author\" class=\"author vcard\"><span class=\"fn\">Marc<\/span><\/strong>\n\t\t<time class=\"date published time\" datetime=\"2025-07-02T14:01:18+02:00\" itemprop=\"datePublished\" content=\"2025-07-02T14:01:18+02:00\">02\/07\/2025<\/time>\n\t\t<meta itemprop=\"dateModified\" class=\"date updated\" content=\"2025-07-02T14:01:30+02:00\">\n\t\t<span class=\"hide\" itemprop=\"publisher\" itemscope itemtype=\"https:\/\/schema.org\/Organization\">\n\t\t\t<meta itemprop=\"name\" content=\"SocialistesdMca\">\n\t\t\t<span itemprop=\"logo\" itemscope itemtype=\"https:\/\/schema.org\/ImageObject\">\n\t\t\t\t<meta itemprop=\"url\" content=\"https:\/\/www.psib-psoe.org\/mallorca\/wp-content\/themes\/notio-wp\/assets\/img\/logo.png\">\n\t\t\t<\/span>\n\t\t\t<meta itemprop=\"url\" content=\"https:\/\/www.psib-psoe.org\/mallorca\/\">\n\t\t<\/span>\n\t\t\t\t<span class=\"hide\" itemprop=\"image\" itemscope itemtype=\"http:\/\/schema.org\/ImageObject\">\n\t\t\t<meta itemprop=\"url\" content=\"https:\/\/www.psib-psoe.org\/mallorca\/wp-content\/uploads\/020725_Foto-Grup-Pollenca.jpeg\">\n\t\t\t<meta itemprop=\"width\" content=\"1600\">\n\t\t\t<meta itemprop=\"height\" content=\"1200\">\n\t\t<\/span>\n\t\t\t\t<meta itemscope itemprop=\"mainEntityOfPage\" itemtype=\"https:\/\/schema.org\/WebPage\" itemid=\"https:\/\/www.psib-psoe.org\/mallorca\/maria-jose-jimenez-nova-secretaria-general-de-lagrupacio-socialista-de-pollenca\/\">\n\t<\/aside>\n\t\t<\/article>\n<\/div>\n<div class=\"small-12 large-4 columns\">\n\t<article itemscope itemtype=\"http:\/\/schema.org\/Article\" class=\"post blog-style7 alt post-29984 type-post status-publish format-standard has-post-thumbnail hentry category-federacio-de-mallorca category-federacio-de-mallorca-portada category-municipis category-portada tag-federacio-socialista-de-mallorca tag-mercedes-garrido tag-miquel-cabot tag-pep-lluis-urraca-2 tag-psib-psoe tag-santa-eugenia tag-socialistes-de-santa-eugenia tag-taujans\" role=\"article\">\n\t\t<figure class=\"post-gallery\"><img loading=\"lazy\" decoding=\"async\" width=\"600\" height=\"400\" src=\"https:\/\/www.psib-psoe.org\/mallorca\/wp-content\/uploads\/010725_Nova-Executiva-Santa-Eugenia-600x400.jpeg\" class=\"attachment-notio-general-x2 size-notio-general-x2 wp-post-image\" alt=\"\" srcset=\"https:\/\/www.psib-psoe.org\/mallorca\/wp-content\/uploads\/010725_Nova-Executiva-Santa-Eugenia-600x400.jpeg 600w, https:\/\/www.psib-psoe.org\/mallorca\/wp-content\/uploads\/010725_Nova-Executiva-Santa-Eugenia-300x200.jpeg 300w, https:\/\/www.psib-psoe.org\/mallorca\/wp-content\/uploads\/010725_Nova-Executiva-Santa-Eugenia-900x600.jpeg 900w, https:\/\/www.psib-psoe.org\/mallorca\/wp-content\/uploads\/010725_Nova-Executiva-Santa-Eugenia-20x13.jpeg 20w\" sizes=\"(max-width: 600px) 100vw, 600px\" \/><\/figure>\n\t\t<div class=\"blog-top\">\n\t\t\t<header class=\"post-title entry-header\">\n\t\t\t\t<aside class=\"post-meta cf\">\n\t\t01\/07\/2025 \/ <a href=\"https:\/\/www.psib-psoe.org\/mallorca\/category\/federacio-de-mallorca\/\" rel=\"category tag\">Federaci\u00f3 de Mallorca<\/a>, <a href=\"https:\/\/www.psib-psoe.org\/mallorca\/category\/federacio-de-mallorca-portada\/\" rel=\"category tag\">Federaci\u00f3 de Mallorca - Portada<\/a>, <a href=\"https:\/\/www.psib-psoe.org\/mallorca\/category\/municipis\/\" rel=\"category tag\">Municipis<\/a>, <a href=\"https:\/\/www.psib-psoe.org\/mallorca\/category\/portada\/\" rel=\"category tag\">Portada<\/a><\/aside>\n\t\t\t\t<h3 itemprop=\"headline\"><a href=\"https:\/\/www.psib-psoe.org\/mallorca\/pep-lluis-urraca-continuara-com-a-secretari-general-de-lagrupacio-socialista-de-santa-eugenia-2\/\" title=\"Pep Lluis Urraca continuar\u00e0 com a secretari general de l\u2019Agrupaci\u00f3 Socialista de Santa Eug\u00e8nia\">Pep Lluis Urraca continuar\u00e0 com a secretari general de l\u2019Agrupaci\u00f3 Socialista de Santa Eug\u00e8nia<\/a><\/h3>\n\t\t\t<\/header>\n\t\t<\/div>\n\t\t<div class=\"post-content\">\n\t\t\t<a href=\"https:\/\/www.psib-psoe.org\/mallorca\/pep-lluis-urraca-continuara-com-a-secretari-general-de-lagrupacio-socialista-de-santa-eugenia-2\/\" class=\"more-link\">Read More<\/a>\n\t\t<\/div>\n\t\t\t<aside class=\"post-bottom-meta hide\">\n\t\t<strong rel=\"author\" itemprop=\"author\" class=\"author vcard\"><span class=\"fn\">Marc<\/span><\/strong>\n\t\t<time class=\"date published time\" datetime=\"2025-07-01T14:25:12+02:00\" itemprop=\"datePublished\" content=\"2025-07-01T14:25:12+02:00\">01\/07\/2025<\/time>\n\t\t<meta itemprop=\"dateModified\" class=\"date updated\" content=\"2025-07-01T14:25:24+02:00\">\n\t\t<span class=\"hide\" itemprop=\"publisher\" itemscope itemtype=\"https:\/\/schema.org\/Organization\">\n\t\t\t<meta itemprop=\"name\" content=\"SocialistesdMca\">\n\t\t\t<span itemprop=\"logo\" itemscope itemtype=\"https:\/\/schema.org\/ImageObject\">\n\t\t\t\t<meta itemprop=\"url\" content=\"https:\/\/www.psib-psoe.org\/mallorca\/wp-content\/themes\/notio-wp\/assets\/img\/logo.png\">\n\t\t\t<\/span>\n\t\t\t<meta itemprop=\"url\" content=\"https:\/\/www.psib-psoe.org\/mallorca\/\">\n\t\t<\/span>\n\t\t\t\t<span class=\"hide\" itemprop=\"image\" itemscope itemtype=\"http:\/\/schema.org\/ImageObject\">\n\t\t\t<meta itemprop=\"url\" content=\"https:\/\/www.psib-psoe.org\/mallorca\/wp-content\/uploads\/010725_Nova-Executiva-Santa-Eugenia-scaled.jpeg\">\n\t\t\t<meta itemprop=\"width\" content=\"2560\">\n\t\t\t<meta itemprop=\"height\" content=\"1920\">\n\t\t<\/span>\n\t\t\t\t<meta itemscope itemprop=\"mainEntityOfPage\" itemtype=\"https:\/\/schema.org\/WebPage\" itemid=\"https:\/\/www.psib-psoe.org\/mallorca\/pep-lluis-urraca-continuara-com-a-secretari-general-de-lagrupacio-socialista-de-santa-eugenia-2\/\">\n\t<\/aside>\n\t\t<\/article>\n<\/div>\n<div class=\"small-12 large-4 columns\">\n\t<article itemscope itemtype=\"http:\/\/schema.org\/Article\" class=\"post blog-style7 alt post-29981 type-post status-publish format-standard has-post-thumbnail hentry category-federacio-de-mallorca category-federacio-de-mallorca-portada category-municipis category-portada tag-amanda-fernandez tag-ares-fernandez tag-carles-bona tag-federacio-socialista-de-mallorca tag-paca-orell tag-tolo-aguilar\" role=\"article\">\n\t\t<figure class=\"post-gallery\"><img loading=\"lazy\" decoding=\"async\" width=\"600\" height=\"400\" src=\"https:\/\/www.psib-psoe.org\/mallorca\/wp-content\/uploads\/IMG-20250701-WA0049-600x400.jpg\" class=\"attachment-notio-general-x2 size-notio-general-x2 wp-post-image\" alt=\"\" srcset=\"https:\/\/www.psib-psoe.org\/mallorca\/wp-content\/uploads\/IMG-20250701-WA0049-600x400.jpg 600w, https:\/\/www.psib-psoe.org\/mallorca\/wp-content\/uploads\/IMG-20250701-WA0049-300x200.jpg 300w, https:\/\/www.psib-psoe.org\/mallorca\/wp-content\/uploads\/IMG-20250701-WA0049-900x600.jpg 900w, https:\/\/www.psib-psoe.org\/mallorca\/wp-content\/uploads\/IMG-20250701-WA0049-20x13.jpg 20w\" sizes=\"(max-width: 600px) 100vw, 600px\" \/><\/figure>\n\t\t<div class=\"blog-top\">\n\t\t\t<header class=\"post-title entry-header\">\n\t\t\t\t<aside class=\"post-meta cf\">\n\t\t01\/07\/2025 \/ <a href=\"https:\/\/www.psib-psoe.org\/mallorca\/category\/federacio-de-mallorca\/\" rel=\"category tag\">Federaci\u00f3 de Mallorca<\/a>, <a href=\"https:\/\/www.psib-psoe.org\/mallorca\/category\/federacio-de-mallorca-portada\/\" rel=\"category tag\">Federaci\u00f3 de Mallorca - Portada<\/a>, <a href=\"https:\/\/www.psib-psoe.org\/mallorca\/category\/municipis\/\" rel=\"category tag\">Municipis<\/a>, <a href=\"https:\/\/www.psib-psoe.org\/mallorca\/category\/portada\/\" rel=\"category tag\">Portada<\/a><\/aside>\n\t\t\t\t<h3 itemprop=\"headline\"><a href=\"https:\/\/www.psib-psoe.org\/mallorca\/carles-bona-garcia-elegit-secretari-general-de-lagrupacio-socialista-de-bunyola\/\" title=\"Carles Bona Garcia, elegit secretari general de l\u2019Agrupaci\u00f3 Socialista de Bunyola.\">Carles Bona Garcia, elegit secretari general de l\u2019Agrupaci\u00f3 Socialista de Bunyola.<\/a><\/h3>\n\t\t\t<\/header>\n\t\t<\/div>\n\t\t<div class=\"post-content\">\n\t\t\t<a href=\"https:\/\/www.psib-psoe.org\/mallorca\/carles-bona-garcia-elegit-secretari-general-de-lagrupacio-socialista-de-bunyola\/\" class=\"more-link\">Read More<\/a>\n\t\t<\/div>\n\t\t\t<aside class=\"post-bottom-meta hide\">\n\t\t<strong rel=\"author\" itemprop=\"author\" class=\"author vcard\"><span class=\"fn\">Albert<\/span><\/strong>\n\t\t<time class=\"date published time\" datetime=\"2025-07-01T13:22:31+02:00\" itemprop=\"datePublished\" content=\"2025-07-01T13:22:31+02:00\">01\/07\/2025<\/time>\n\t\t<meta itemprop=\"dateModified\" class=\"date updated\" content=\"2025-07-01T13:22:42+02:00\">\n\t\t<span class=\"hide\" itemprop=\"publisher\" itemscope itemtype=\"https:\/\/schema.org\/Organization\">\n\t\t\t<meta itemprop=\"name\" content=\"SocialistesdMca\">\n\t\t\t<span itemprop=\"logo\" itemscope itemtype=\"https:\/\/schema.org\/ImageObject\">\n\t\t\t\t<meta itemprop=\"url\" content=\"https:\/\/www.psib-psoe.org\/mallorca\/wp-content\/themes\/notio-wp\/assets\/img\/logo.png\">\n\t\t\t<\/span>\n\t\t\t<meta itemprop=\"url\" content=\"https:\/\/www.psib-psoe.org\/mallorca\/\">\n\t\t<\/span>\n\t\t\t\t<span class=\"hide\" itemprop=\"image\" itemscope itemtype=\"http:\/\/schema.org\/ImageObject\">\n\t\t\t<meta itemprop=\"url\" content=\"https:\/\/www.psib-psoe.org\/mallorca\/wp-content\/uploads\/IMG-20250701-WA0049.jpg\">\n\t\t\t<meta itemprop=\"width\" content=\"1600\">\n\t\t\t<meta itemprop=\"height\" content=\"1200\">\n\t\t<\/span>\n\t\t\t\t<meta itemscope itemprop=\"mainEntityOfPage\" itemtype=\"https:\/\/schema.org\/WebPage\" itemid=\"https:\/\/www.psib-psoe.org\/mallorca\/carles-bona-garcia-elegit-secretari-general-de-lagrupacio-socialista-de-bunyola\/\">\n\t<\/aside>\n\t\t<\/article>\n<\/div>\n<div class=\"small-12 large-4 columns\">\n\t<article itemscope itemtype=\"http:\/\/schema.org\/Article\" class=\"post blog-style7 alt post-29977 type-post status-publish format-standard has-post-thumbnail hentry category-federacio-de-mallorca category-federacio-de-mallorca-portada category-municipis category-portada tag-agrupacio-socialista-de-ses-salines-colonia-de-sant-jordi tag-colonia-de-sant-jordi-2 tag-federacio-socialista-de-mallorca tag-inma-lopez tag-mercedes-garrido tag-paula-ginard tag-psib-psoe tag-ses-salines\" role=\"article\">\n\t\t<figure class=\"post-gallery\"><img loading=\"lazy\" decoding=\"async\" width=\"600\" height=\"400\" src=\"https:\/\/www.psib-psoe.org\/mallorca\/wp-content\/uploads\/300625_Foto-Grup-PSIB-PSOE-Ses-Salines-600x400.jpeg\" class=\"attachment-notio-general-x2 size-notio-general-x2 wp-post-image\" alt=\"\" srcset=\"https:\/\/www.psib-psoe.org\/mallorca\/wp-content\/uploads\/300625_Foto-Grup-PSIB-PSOE-Ses-Salines-600x400.jpeg 600w, https:\/\/www.psib-psoe.org\/mallorca\/wp-content\/uploads\/300625_Foto-Grup-PSIB-PSOE-Ses-Salines-300x200.jpeg 300w, https:\/\/www.psib-psoe.org\/mallorca\/wp-content\/uploads\/300625_Foto-Grup-PSIB-PSOE-Ses-Salines-900x600.jpeg 900w, https:\/\/www.psib-psoe.org\/mallorca\/wp-content\/uploads\/300625_Foto-Grup-PSIB-PSOE-Ses-Salines-20x13.jpeg 20w\" sizes=\"(max-width: 600px) 100vw, 600px\" \/><\/figure>\n\t\t<div class=\"blog-top\">\n\t\t\t<header class=\"post-title entry-header\">\n\t\t\t\t<aside class=\"post-meta cf\">\n\t\t30\/06\/2025 \/ <a href=\"https:\/\/www.psib-psoe.org\/mallorca\/category\/federacio-de-mallorca\/\" rel=\"category tag\">Federaci\u00f3 de Mallorca<\/a>, <a href=\"https:\/\/www.psib-psoe.org\/mallorca\/category\/federacio-de-mallorca-portada\/\" rel=\"category tag\">Federaci\u00f3 de Mallorca - Portada<\/a>, <a href=\"https:\/\/www.psib-psoe.org\/mallorca\/category\/municipis\/\" rel=\"category tag\">Municipis<\/a>, <a href=\"https:\/\/www.psib-psoe.org\/mallorca\/category\/portada\/\" rel=\"category tag\">Portada<\/a><\/aside>\n\t\t\t\t<h3 itemprop=\"headline\"><a href=\"https:\/\/www.psib-psoe.org\/mallorca\/inma-lopez-elegida-nova-secretaria-de-lagrupacio-socialista-de-ses-salines-colonia-de-san-jordi\/\" title=\"Inma L\u00f3pez elegida nova secret\u00e0ria general de l\u2019Agrupaci\u00f3 Socialista de Ses Salines-Col\u00f2nia de San Jordi\">Inma L\u00f3pez elegida nova secret\u00e0ria general de l\u2019Agrupaci\u00f3 Socialista de Ses Salines-Col\u00f2nia de San Jordi<\/a><\/h3>\n\t\t\t<\/header>\n\t\t<\/div>\n\t\t<div class=\"post-content\">\n\t\t\t<a href=\"https:\/\/www.psib-psoe.org\/mallorca\/inma-lopez-elegida-nova-secretaria-de-lagrupacio-socialista-de-ses-salines-colonia-de-san-jordi\/\" class=\"more-link\">Read More<\/a>\n\t\t<\/div>\n\t\t\t<aside class=\"post-bottom-meta hide\">\n\t\t<strong rel=\"author\" itemprop=\"author\" class=\"author vcard\"><span class=\"fn\">Marc<\/span><\/strong>\n\t\t<time class=\"date published time\" datetime=\"2025-06-30T13:25:16+02:00\" itemprop=\"datePublished\" content=\"2025-06-30T13:25:16+02:00\">30\/06\/2025<\/time>\n\t\t<meta itemprop=\"dateModified\" class=\"date updated\" content=\"2025-06-30T13:38:12+02:00\">\n\t\t<span class=\"hide\" itemprop=\"publisher\" itemscope itemtype=\"https:\/\/schema.org\/Organization\">\n\t\t\t<meta itemprop=\"name\" content=\"SocialistesdMca\">\n\t\t\t<span itemprop=\"logo\" itemscope itemtype=\"https:\/\/schema.org\/ImageObject\">\n\t\t\t\t<meta itemprop=\"url\" content=\"https:\/\/www.psib-psoe.org\/mallorca\/wp-content\/themes\/notio-wp\/assets\/img\/logo.png\">\n\t\t\t<\/span>\n\t\t\t<meta itemprop=\"url\" content=\"https:\/\/www.psib-psoe.org\/mallorca\/\">\n\t\t<\/span>\n\t\t\t\t<span class=\"hide\" itemprop=\"image\" itemscope itemtype=\"http:\/\/schema.org\/ImageObject\">\n\t\t\t<meta itemprop=\"url\" content=\"https:\/\/www.psib-psoe.org\/mallorca\/wp-content\/uploads\/300625_Foto-Grup-PSIB-PSOE-Ses-Salines.jpeg\">\n\t\t\t<meta itemprop=\"width\" content=\"1600\">\n\t\t\t<meta itemprop=\"height\" content=\"1200\">\n\t\t<\/span>\n\t\t\t\t<meta itemscope itemprop=\"mainEntityOfPage\" itemtype=\"https:\/\/schema.org\/WebPage\" itemid=\"https:\/\/www.psib-psoe.org\/mallorca\/inma-lopez-elegida-nova-secretaria-de-lagrupacio-socialista-de-ses-salines-colonia-de-san-jordi\/\">\n\t<\/aside>\n\t\t<\/article>\n<\/div>\n<div class=\"small-12 large-4 columns\">\n\t<article itemscope itemtype=\"http:\/\/schema.org\/Article\" class=\"post blog-style7 alt post-29971 type-post status-publish format-standard has-post-thumbnail hentry category-federacio-de-mallorca category-federacio-de-mallorca-portada category-municipis category-portada tag-amanda-fernandez tag-ares-fernandez tag-catalina-cladera tag-consell-de-mallorca tag-federacio-socialista-de-mallorca tag-jaume-mateu tag-mercedes-garrido tag-miquel-vadell tag-socialistes-de-puigpunyent tag-sofia-alonso\" role=\"article\">\n\t\t<figure class=\"post-gallery\"><img loading=\"lazy\" decoding=\"async\" width=\"600\" height=\"400\" src=\"https:\/\/www.psib-psoe.org\/mallorca\/wp-content\/uploads\/Salvem-la-Serra-2-600x400.jpeg\" class=\"attachment-notio-general-x2 size-notio-general-x2 wp-post-image\" alt=\"\" srcset=\"https:\/\/www.psib-psoe.org\/mallorca\/wp-content\/uploads\/Salvem-la-Serra-2-600x400.jpeg 600w, https:\/\/www.psib-psoe.org\/mallorca\/wp-content\/uploads\/Salvem-la-Serra-2-300x200.jpeg 300w, https:\/\/www.psib-psoe.org\/mallorca\/wp-content\/uploads\/Salvem-la-Serra-2-20x13.jpeg 20w, https:\/\/www.psib-psoe.org\/mallorca\/wp-content\/uploads\/Salvem-la-Serra-2-900x600.jpeg 900w\" sizes=\"(max-width: 600px) 100vw, 600px\" \/><\/figure>\n\t\t<div class=\"blog-top\">\n\t\t\t<header class=\"post-title entry-header\">\n\t\t\t\t<aside class=\"post-meta cf\">\n\t\t28\/06\/2025 \/ <a href=\"https:\/\/www.psib-psoe.org\/mallorca\/category\/federacio-de-mallorca\/\" rel=\"category tag\">Federaci\u00f3 de Mallorca<\/a>, <a href=\"https:\/\/www.psib-psoe.org\/mallorca\/category\/federacio-de-mallorca-portada\/\" rel=\"category tag\">Federaci\u00f3 de Mallorca - Portada<\/a>, <a href=\"https:\/\/www.psib-psoe.org\/mallorca\/category\/municipis\/\" rel=\"category tag\">Municipis<\/a>, <a href=\"https:\/\/www.psib-psoe.org\/mallorca\/category\/portada\/\" rel=\"category tag\">Portada<\/a><\/aside>\n\t\t\t\t<h3 itemprop=\"headline\"><a href=\"https:\/\/www.psib-psoe.org\/mallorca\/el-psib-psoe-pren-la-iniciativa-per-salvar-la-serra-de-tramuntana-davant-els-atacs-especuladors-del-govern-de-prohens-i-el-silenci-de-galmes\/\" title=\"El PSIB-PSOE pren la iniciativa per \u201csalvar la Serra de Tramuntana\u201d davant els atacs especuladors del Govern de Prohens i el silenci de Galm\u00e9s.\">El PSIB-PSOE pren la iniciativa per \u201csalvar la Serra de Tramuntana\u201d davant els atacs especuladors del Govern de Prohens i el silenci de Galm\u00e9s.<\/a><\/h3>\n\t\t\t<\/header>\n\t\t<\/div>\n\t\t<div class=\"post-content\">\n\t\t\t<a href=\"https:\/\/www.psib-psoe.org\/mallorca\/el-psib-psoe-pren-la-iniciativa-per-salvar-la-serra-de-tramuntana-davant-els-atacs-especuladors-del-govern-de-prohens-i-el-silenci-de-galmes\/\" class=\"more-link\">Read More<\/a>\n\t\t<\/div>\n\t\t\t<aside class=\"post-bottom-meta hide\">\n\t\t<strong rel=\"author\" itemprop=\"author\" class=\"author vcard\"><span class=\"fn\">Albert<\/span><\/strong>\n\t\t<time class=\"date published time\" datetime=\"2025-06-28T12:52:09+02:00\" itemprop=\"datePublished\" content=\"2025-06-28T12:52:09+02:00\">28\/06\/2025<\/time>\n\t\t<meta itemprop=\"dateModified\" class=\"date updated\" content=\"2025-06-28T12:52:20+02:00\">\n\t\t<span class=\"hide\" itemprop=\"publisher\" itemscope itemtype=\"https:\/\/schema.org\/Organization\">\n\t\t\t<meta itemprop=\"name\" content=\"SocialistesdMca\">\n\t\t\t<span itemprop=\"logo\" itemscope itemtype=\"https:\/\/schema.org\/ImageObject\">\n\t\t\t\t<meta itemprop=\"url\" content=\"https:\/\/www.psib-psoe.org\/mallorca\/wp-content\/themes\/notio-wp\/assets\/img\/logo.png\">\n\t\t\t<\/span>\n\t\t\t<meta itemprop=\"url\" content=\"https:\/\/www.psib-psoe.org\/mallorca\/\">\n\t\t<\/span>\n\t\t\t\t<span class=\"hide\" itemprop=\"image\" itemscope itemtype=\"http:\/\/schema.org\/ImageObject\">\n\t\t\t<meta itemprop=\"url\" content=\"https:\/\/www.psib-psoe.org\/mallorca\/wp-content\/uploads\/Salvem-la-Serra-2.jpeg\">\n\t\t\t<meta itemprop=\"width\" content=\"1600\">\n\t\t\t<meta itemprop=\"height\" content=\"1132\">\n\t\t<\/span>\n\t\t\t\t<meta itemscope itemprop=\"mainEntityOfPage\" itemtype=\"https:\/\/schema.org\/WebPage\" itemid=\"https:\/\/www.psib-psoe.org\/mallorca\/el-psib-psoe-pren-la-iniciativa-per-salvar-la-serra-de-tramuntana-davant-els-atacs-especuladors-del-govern-de-prohens-i-el-silenci-de-galmes\/\">\n\t<\/aside>\n\t\t<\/article>\n<\/div>\n<div class=\"small-12 large-4 columns\">\n\t<article itemscope itemtype=\"http:\/\/schema.org\/Article\" class=\"post blog-style7 alt post-29967 type-post status-publish format-standard has-post-thumbnail hentry category-consell-de-mallorca category-federacio-de-mallorca category-federacio-de-mallorca-portada category-portada tag-amanda-fernandez tag-andreu-serra tag-ares-fernandez tag-bea-gamundi tag-biel-alomar tag-catalina-cladera tag-consell-de-mallorca tag-federacio-socialista-de-mallorca tag-javier-de-juan tag-joan-ferrer tag-juana-m-adrover tag-sofia-alonso\" role=\"article\">\n\t\t<figure class=\"post-gallery\"><img loading=\"lazy\" decoding=\"async\" width=\"600\" height=\"400\" src=\"https:\/\/www.psib-psoe.org\/mallorca\/wp-content\/uploads\/Catalina-decles-600x400.jpeg\" class=\"attachment-notio-general-x2 size-notio-general-x2 wp-post-image\" alt=\"\" srcset=\"https:\/\/www.psib-psoe.org\/mallorca\/wp-content\/uploads\/Catalina-decles-600x400.jpeg 600w, https:\/\/www.psib-psoe.org\/mallorca\/wp-content\/uploads\/Catalina-decles-300x200.jpeg 300w, https:\/\/www.psib-psoe.org\/mallorca\/wp-content\/uploads\/Catalina-decles-900x600.jpeg 900w, https:\/\/www.psib-psoe.org\/mallorca\/wp-content\/uploads\/Catalina-decles-20x13.jpeg 20w\" sizes=\"(max-width: 600px) 100vw, 600px\" \/><\/figure>\n\t\t<div class=\"blog-top\">\n\t\t\t<header class=\"post-title entry-header\">\n\t\t\t\t<aside class=\"post-meta cf\">\n\t\t27\/06\/2025 \/ <a href=\"https:\/\/www.psib-psoe.org\/mallorca\/category\/consell-de-mallorca\/\" rel=\"category tag\">Consell de Mallorca<\/a>, <a href=\"https:\/\/www.psib-psoe.org\/mallorca\/category\/federacio-de-mallorca\/\" rel=\"category tag\">Federaci\u00f3 de Mallorca<\/a>, <a href=\"https:\/\/www.psib-psoe.org\/mallorca\/category\/federacio-de-mallorca-portada\/\" rel=\"category tag\">Federaci\u00f3 de Mallorca - Portada<\/a>, <a href=\"https:\/\/www.psib-psoe.org\/mallorca\/category\/portada\/\" rel=\"category tag\">Portada<\/a><\/aside>\n\t\t\t\t<h3 itemprop=\"headline\"><a href=\"https:\/\/www.psib-psoe.org\/mallorca\/el-financament-de-lestat-per-mallorca-sincrementa-un-13-per-enguany\/\" title=\"El finan\u00e7ament de l\u2019Estat per Mallorca s\u2019incrementa un 13% per enguany.\">El finan\u00e7ament de l\u2019Estat per Mallorca s\u2019incrementa un 13% per enguany.<\/a><\/h3>\n\t\t\t<\/header>\n\t\t<\/div>\n\t\t<div class=\"post-content\">\n\t\t\t<a href=\"https:\/\/www.psib-psoe.org\/mallorca\/el-financament-de-lestat-per-mallorca-sincrementa-un-13-per-enguany\/\" class=\"more-link\">Read More<\/a>\n\t\t<\/div>\n\t\t\t<aside class=\"post-bottom-meta hide\">\n\t\t<strong rel=\"author\" itemprop=\"author\" class=\"author vcard\"><span class=\"fn\">Albert<\/span><\/strong>\n\t\t<time class=\"date published time\" datetime=\"2025-06-27T14:12:57+02:00\" itemprop=\"datePublished\" content=\"2025-06-27T14:12:57+02:00\">27\/06\/2025<\/time>\n\t\t<meta itemprop=\"dateModified\" class=\"date updated\" content=\"2025-06-27T14:13:09+02:00\">\n\t\t<span class=\"hide\" itemprop=\"publisher\" itemscope itemtype=\"https:\/\/schema.org\/Organization\">\n\t\t\t<meta itemprop=\"name\" content=\"SocialistesdMca\">\n\t\t\t<span itemprop=\"logo\" itemscope itemtype=\"https:\/\/schema.org\/ImageObject\">\n\t\t\t\t<meta itemprop=\"url\" content=\"https:\/\/www.psib-psoe.org\/mallorca\/wp-content\/themes\/notio-wp\/assets\/img\/logo.png\">\n\t\t\t<\/span>\n\t\t\t<meta itemprop=\"url\" content=\"https:\/\/www.psib-psoe.org\/mallorca\/\">\n\t\t<\/span>\n\t\t\t\t<span class=\"hide\" itemprop=\"image\" itemscope itemtype=\"http:\/\/schema.org\/ImageObject\">\n\t\t\t<meta itemprop=\"url\" content=\"https:\/\/www.psib-psoe.org\/mallorca\/wp-content\/uploads\/Catalina-decles.jpeg\">\n\t\t\t<meta itemprop=\"width\" content=\"1170\">\n\t\t\t<meta itemprop=\"height\" content=\"632\">\n\t\t<\/span>\n\t\t\t\t<meta itemscope itemprop=\"mainEntityOfPage\" itemtype=\"https:\/\/schema.org\/WebPage\" itemid=\"https:\/\/www.psib-psoe.org\/mallorca\/el-financament-de-lestat-per-mallorca-sincrementa-un-13-per-enguany\/\">\n\t<\/aside>\n\t\t<\/article>\n<\/div>\n<div class=\"small-12 large-4 columns\">\n\t<article itemscope itemtype=\"http:\/\/schema.org\/Article\" class=\"post blog-style7 alt post-29965 type-post status-publish format-standard has-post-thumbnail hentry category-federacio-de-mallorca tag-federacio-socialista-de-mallorca\" role=\"article\">\n\t\t<figure class=\"post-gallery\"><img loading=\"lazy\" decoding=\"async\" width=\"600\" height=\"400\" src=\"https:\/\/www.psib-psoe.org\/mallorca\/wp-content\/uploads\/WhatsApp-Image-2025-06-27-at-11.53.54-1000x750-1-600x400.jpeg\" class=\"attachment-notio-general-x2 size-notio-general-x2 wp-post-image\" alt=\"\" srcset=\"https:\/\/www.psib-psoe.org\/mallorca\/wp-content\/uploads\/WhatsApp-Image-2025-06-27-at-11.53.54-1000x750-1-600x400.jpeg 600w, https:\/\/www.psib-psoe.org\/mallorca\/wp-content\/uploads\/WhatsApp-Image-2025-06-27-at-11.53.54-1000x750-1-300x200.jpeg 300w, https:\/\/www.psib-psoe.org\/mallorca\/wp-content\/uploads\/WhatsApp-Image-2025-06-27-at-11.53.54-1000x750-1-900x600.jpeg 900w, https:\/\/www.psib-psoe.org\/mallorca\/wp-content\/uploads\/WhatsApp-Image-2025-06-27-at-11.53.54-1000x750-1-20x13.jpeg 20w\" sizes=\"(max-width: 600px) 100vw, 600px\" \/><\/figure>\n\t\t<div class=\"blog-top\">\n\t\t\t<header class=\"post-title entry-header\">\n\t\t\t\t<aside class=\"post-meta cf\">\n\t\t27\/06\/2025 \/ <a href=\"https:\/\/www.psib-psoe.org\/mallorca\/category\/federacio-de-mallorca\/\" rel=\"category tag\">Federaci\u00f3 de Mallorca<\/a><\/aside>\n\t\t\t\t<h3 itemprop=\"headline\"><a href=\"https:\/\/www.psib-psoe.org\/mallorca\/el-psib-psoe-fa-una-crida-a-la-mobilitzacio-per-lorgull-lgtbi-que-enguany-coincideix-amb-la-commemoracio-del-20e-aniversari-de-laprovacio-del-matrimoni-igualitari\/\" title=\"El PSIB-PSOE fa una crida a la mobilitzaci\u00f3 per l\u2019Orgull LGTBI, que enguany coincideix amb la commemoraci\u00f3 del 20\u00e8 aniversari de l\u2019aprovaci\u00f3 del matrimoni igualitari\">El PSIB-PSOE fa una crida a la mobilitzaci\u00f3 per l\u2019Orgull LGTBI, que enguany coincideix amb la commemoraci\u00f3 del 20\u00e8 aniversari de l\u2019aprovaci\u00f3 del matrimoni igualitari<\/a><\/h3>\n\t\t\t<\/header>\n\t\t<\/div>\n\t\t<div class=\"post-content\">\n\t\t\t<a href=\"https:\/\/www.psib-psoe.org\/mallorca\/el-psib-psoe-fa-una-crida-a-la-mobilitzacio-per-lorgull-lgtbi-que-enguany-coincideix-amb-la-commemoracio-del-20e-aniversari-de-laprovacio-del-matrimoni-igualitari\/\" class=\"more-link\">Read More<\/a>\n\t\t<\/div>\n\t\t\t<aside class=\"post-bottom-meta hide\">\n\t\t<strong rel=\"author\" itemprop=\"author\" class=\"author vcard\"><span class=\"fn\">adminpsib<\/span><\/strong>\n\t\t<time class=\"date published time\" datetime=\"2025-06-27T11:59:23+02:00\" itemprop=\"datePublished\" content=\"2025-06-27T11:59:23+02:00\">27\/06\/2025<\/time>\n\t\t<meta itemprop=\"dateModified\" class=\"date updated\" content=\"2025-06-27T11:59:23+02:00\">\n\t\t<span class=\"hide\" itemprop=\"publisher\" itemscope itemtype=\"https:\/\/schema.org\/Organization\">\n\t\t\t<meta itemprop=\"name\" content=\"SocialistesdMca\">\n\t\t\t<span itemprop=\"logo\" itemscope itemtype=\"https:\/\/schema.org\/ImageObject\">\n\t\t\t\t<meta itemprop=\"url\" content=\"https:\/\/www.psib-psoe.org\/mallorca\/wp-content\/themes\/notio-wp\/assets\/img\/logo.png\">\n\t\t\t<\/span>\n\t\t\t<meta itemprop=\"url\" content=\"https:\/\/www.psib-psoe.org\/mallorca\/\">\n\t\t<\/span>\n\t\t\t\t<span class=\"hide\" itemprop=\"image\" itemscope itemtype=\"http:\/\/schema.org\/ImageObject\">\n\t\t\t<meta itemprop=\"url\" content=\"https:\/\/www.psib-psoe.org\/mallorca\/wp-content\/uploads\/WhatsApp-Image-2025-06-27-at-11.53.54-1000x750-1.jpeg\">\n\t\t\t<meta itemprop=\"width\" content=\"1000\">\n\t\t\t<meta itemprop=\"height\" content=\"750\">\n\t\t<\/span>\n\t\t\t\t<meta itemscope itemprop=\"mainEntityOfPage\" itemtype=\"https:\/\/schema.org\/WebPage\" itemid=\"https:\/\/www.psib-psoe.org\/mallorca\/el-psib-psoe-fa-una-crida-a-la-mobilitzacio-per-lorgull-lgtbi-que-enguany-coincideix-amb-la-commemoracio-del-20e-aniversari-de-laprovacio-del-matrimoni-igualitari\/\">\n\t<\/aside>\n\t\t<\/article>\n<\/div>\n<div class=\"small-12 large-4 columns\">\n\t<article itemscope itemtype=\"http:\/\/schema.org\/Article\" class=\"post blog-style7 alt post-29963 type-post status-publish format-standard has-post-thumbnail hentry category-consell-de-mallorca category-federacio-de-mallorca category-federacio-de-mallorca-portada category-portada tag-amanda-fernandez tag-andreu-serra tag-ares-fernandez tag-bea-gamundi tag-biel-alomar tag-catalina-cladera tag-consell-de-mallorca tag-federacio-socialista-de-mallorca tag-javier-de-juan tag-joan-ferrer tag-juana-m-adrover tag-sofia-alonso\" role=\"article\">\n\t\t<figure class=\"post-gallery\"><img loading=\"lazy\" decoding=\"async\" width=\"600\" height=\"400\" src=\"https:\/\/www.psib-psoe.org\/mallorca\/wp-content\/uploads\/Grup-ple-1-600x400.jpeg\" class=\"attachment-notio-general-x2 size-notio-general-x2 wp-post-image\" alt=\"\" srcset=\"https:\/\/www.psib-psoe.org\/mallorca\/wp-content\/uploads\/Grup-ple-1-600x400.jpeg 600w, https:\/\/www.psib-psoe.org\/mallorca\/wp-content\/uploads\/Grup-ple-1-300x200.jpeg 300w, https:\/\/www.psib-psoe.org\/mallorca\/wp-content\/uploads\/Grup-ple-1-900x600.jpeg 900w, https:\/\/www.psib-psoe.org\/mallorca\/wp-content\/uploads\/Grup-ple-1-20x13.jpeg 20w\" sizes=\"(max-width: 600px) 100vw, 600px\" \/><\/figure>\n\t\t<div class=\"blog-top\">\n\t\t\t<header class=\"post-title entry-header\">\n\t\t\t\t<aside class=\"post-meta cf\">\n\t\t26\/06\/2025 \/ <a href=\"https:\/\/www.psib-psoe.org\/mallorca\/category\/consell-de-mallorca\/\" rel=\"category tag\">Consell de Mallorca<\/a>, <a href=\"https:\/\/www.psib-psoe.org\/mallorca\/category\/federacio-de-mallorca\/\" rel=\"category tag\">Federaci\u00f3 de Mallorca<\/a>, <a href=\"https:\/\/www.psib-psoe.org\/mallorca\/category\/federacio-de-mallorca-portada\/\" rel=\"category tag\">Federaci\u00f3 de Mallorca - Portada<\/a>, <a href=\"https:\/\/www.psib-psoe.org\/mallorca\/category\/portada\/\" rel=\"category tag\">Portada<\/a><\/aside>\n\t\t\t\t<h3 itemprop=\"headline\"><a href=\"https:\/\/www.psib-psoe.org\/mallorca\/el-grup-socialista-demana-aclariments-al-conseller-dhisenda-i-funcio-publica-despres-de-saber-se-que-un-alt-carrec-del-seu-departament-sha-presentat-al-concurs-oposicio-per-a-ser-fu\/\" title=\"El Grup Socialista demana aclariments al conseller d\u2019Hisenda i Funci\u00f3 P\u00fablica, despr\u00e9s de saber-se que un alt c\u00e0rrec del seu departament s\u2019ha presentat al concurs-oposici\u00f3 per a ser funcionari del Consell.\">El Grup Socialista demana aclariments al conseller d\u2019Hisenda i Funci\u00f3 P\u00fablica, despr\u00e9s de saber-se que un alt c\u00e0rrec del seu departament s\u2019ha presentat al concurs-oposici\u00f3 per a ser funcionari del Consell.<\/a><\/h3>\n\t\t\t<\/header>\n\t\t<\/div>\n\t\t<div class=\"post-content\">\n\t\t\t<a href=\"https:\/\/www.psib-psoe.org\/mallorca\/el-grup-socialista-demana-aclariments-al-conseller-dhisenda-i-funcio-publica-despres-de-saber-se-que-un-alt-carrec-del-seu-departament-sha-presentat-al-concurs-oposicio-per-a-ser-fu\/\" class=\"more-link\">Read More<\/a>\n\t\t<\/div>\n\t\t\t<aside class=\"post-bottom-meta hide\">\n\t\t<strong rel=\"author\" itemprop=\"author\" class=\"author vcard\"><span class=\"fn\">Albert<\/span><\/strong>\n\t\t<time class=\"date published time\" datetime=\"2025-06-26T17:12:32+02:00\" itemprop=\"datePublished\" content=\"2025-06-26T17:12:32+02:00\">26\/06\/2025<\/time>\n\t\t<meta itemprop=\"dateModified\" class=\"date updated\" content=\"2025-06-26T17:12:45+02:00\">\n\t\t<span class=\"hide\" itemprop=\"publisher\" itemscope itemtype=\"https:\/\/schema.org\/Organization\">\n\t\t\t<meta itemprop=\"name\" content=\"SocialistesdMca\">\n\t\t\t<span itemprop=\"logo\" itemscope itemtype=\"https:\/\/schema.org\/ImageObject\">\n\t\t\t\t<meta itemprop=\"url\" content=\"https:\/\/www.psib-psoe.org\/mallorca\/wp-content\/themes\/notio-wp\/assets\/img\/logo.png\">\n\t\t\t<\/span>\n\t\t\t<meta itemprop=\"url\" content=\"https:\/\/www.psib-psoe.org\/mallorca\/\">\n\t\t<\/span>\n\t\t\t\t<span class=\"hide\" itemprop=\"image\" itemscope itemtype=\"http:\/\/schema.org\/ImageObject\">\n\t\t\t<meta itemprop=\"url\" content=\"https:\/\/www.psib-psoe.org\/mallorca\/wp-content\/uploads\/Grup-ple-1-scaled.jpeg\">\n\t\t\t<meta itemprop=\"width\" content=\"2560\">\n\t\t\t<meta itemprop=\"height\" content=\"1920\">\n\t\t<\/span>\n\t\t\t\t<meta itemscope itemprop=\"mainEntityOfPage\" itemtype=\"https:\/\/schema.org\/WebPage\" itemid=\"https:\/\/www.psib-psoe.org\/mallorca\/el-grup-socialista-demana-aclariments-al-conseller-dhisenda-i-funcio-publica-despres-de-saber-se-que-un-alt-carrec-del-seu-departament-sha-presentat-al-concurs-oposicio-per-a-ser-fu\/\">\n\t<\/aside>\n\t\t<\/article>\n<\/div>\n<div class=\"small-12 large-4 columns\">\n\t<article itemscope itemtype=\"http:\/\/schema.org\/Article\" class=\"post blog-style7 alt post-29960 type-post status-publish format-standard has-post-thumbnail hentry category-federacio-de-mallorca category-federacio-de-mallorca-portada category-municipis category-portada tag-agrupacio-socialista-de-binissalem tag-amanda-fernandez tag-binissalem tag-federacio-socialista-de-mallorca tag-juan-carlos-ortega tag-psib-psoe\" role=\"article\">\n\t\t<figure class=\"post-gallery\"><img loading=\"lazy\" decoding=\"async\" width=\"600\" height=\"400\" src=\"https:\/\/www.psib-psoe.org\/mallorca\/wp-content\/uploads\/260625_Nova-Executiva-Binissalem-600x400.jpeg\" class=\"attachment-notio-general-x2 size-notio-general-x2 wp-post-image\" alt=\"\" srcset=\"https:\/\/www.psib-psoe.org\/mallorca\/wp-content\/uploads\/260625_Nova-Executiva-Binissalem-600x400.jpeg 600w, https:\/\/www.psib-psoe.org\/mallorca\/wp-content\/uploads\/260625_Nova-Executiva-Binissalem-300x200.jpeg 300w, https:\/\/www.psib-psoe.org\/mallorca\/wp-content\/uploads\/260625_Nova-Executiva-Binissalem-900x600.jpeg 900w, https:\/\/www.psib-psoe.org\/mallorca\/wp-content\/uploads\/260625_Nova-Executiva-Binissalem-20x13.jpeg 20w\" sizes=\"(max-width: 600px) 100vw, 600px\" \/><\/figure>\n\t\t<div class=\"blog-top\">\n\t\t\t<header class=\"post-title entry-header\">\n\t\t\t\t<aside class=\"post-meta cf\">\n\t\t26\/06\/2025 \/ <a href=\"https:\/\/www.psib-psoe.org\/mallorca\/category\/federacio-de-mallorca\/\" rel=\"category tag\">Federaci\u00f3 de Mallorca<\/a>, <a href=\"https:\/\/www.psib-psoe.org\/mallorca\/category\/federacio-de-mallorca-portada\/\" rel=\"category tag\">Federaci\u00f3 de Mallorca - Portada<\/a>, <a href=\"https:\/\/www.psib-psoe.org\/mallorca\/category\/municipis\/\" rel=\"category tag\">Municipis<\/a>, <a href=\"https:\/\/www.psib-psoe.org\/mallorca\/category\/portada\/\" rel=\"category tag\">Portada<\/a><\/aside>\n\t\t\t\t<h3 itemprop=\"headline\"><a href=\"https:\/\/www.psib-psoe.org\/mallorca\/els-socialistes-de-binissalem-renoven-la-seva-comissio-executiva-amb-juan-carlos-ortega-com-a-secretari-general\/\" title=\"Els Socialistes de Binissalem renoven la seva Comissi\u00f3 Executiva amb Juan Carlos Ortega com a secretari general\">Els Socialistes de Binissalem renoven la seva Comissi\u00f3 Executiva amb Juan Carlos Ortega com a secretari general<\/a><\/h3>\n\t\t\t<\/header>\n\t\t<\/div>\n\t\t<div class=\"post-content\">\n\t\t\t<a href=\"https:\/\/www.psib-psoe.org\/mallorca\/els-socialistes-de-binissalem-renoven-la-seva-comissio-executiva-amb-juan-carlos-ortega-com-a-secretari-general\/\" class=\"more-link\">Read More<\/a>\n\t\t<\/div>\n\t\t\t<aside class=\"post-bottom-meta hide\">\n\t\t<strong rel=\"author\" itemprop=\"author\" class=\"author vcard\"><span class=\"fn\">Marc<\/span><\/strong>\n\t\t<time class=\"date published time\" datetime=\"2025-06-26T14:12:49+02:00\" itemprop=\"datePublished\" content=\"2025-06-26T14:12:49+02:00\">26\/06\/2025<\/time>\n\t\t<meta itemprop=\"dateModified\" class=\"date updated\" content=\"2025-06-26T14:13:01+02:00\">\n\t\t<span class=\"hide\" itemprop=\"publisher\" itemscope itemtype=\"https:\/\/schema.org\/Organization\">\n\t\t\t<meta itemprop=\"name\" content=\"SocialistesdMca\">\n\t\t\t<span itemprop=\"logo\" itemscope itemtype=\"https:\/\/schema.org\/ImageObject\">\n\t\t\t\t<meta itemprop=\"url\" content=\"https:\/\/www.psib-psoe.org\/mallorca\/wp-content\/themes\/notio-wp\/assets\/img\/logo.png\">\n\t\t\t<\/span>\n\t\t\t<meta itemprop=\"url\" content=\"https:\/\/www.psib-psoe.org\/mallorca\/\">\n\t\t<\/span>\n\t\t\t\t<span class=\"hide\" itemprop=\"image\" itemscope itemtype=\"http:\/\/schema.org\/ImageObject\">\n\t\t\t<meta itemprop=\"url\" content=\"https:\/\/www.psib-psoe.org\/mallorca\/wp-content\/uploads\/260625_Nova-Executiva-Binissalem-scaled.jpeg\">\n\t\t\t<meta itemprop=\"width\" content=\"2560\">\n\t\t\t<meta itemprop=\"height\" content=\"1920\">\n\t\t<\/span>\n\t\t\t\t<meta itemscope itemprop=\"mainEntityOfPage\" itemtype=\"https:\/\/schema.org\/WebPage\" itemid=\"https:\/\/www.psib-psoe.org\/mallorca\/els-socialistes-de-binissalem-renoven-la-seva-comissio-executiva-amb-juan-carlos-ortega-com-a-secretari-general\/\">\n\t<\/aside>\n\t\t<\/article>\n<\/div>\n<div class=\"small-12 large-4 columns\">\n\t<article itemscope itemtype=\"http:\/\/schema.org\/Article\" class=\"post blog-style7 alt post-29957 type-post status-publish format-standard has-post-thumbnail hentry category-federacio-de-mallorca category-federacio-de-mallorca-portada category-municipis category-portada tag-amanda-fernandez tag-andreu-vidal tag-ares-fernandez tag-catalina-cladera tag-consell-de-mallorca tag-federacio-socialista-de-mallorca tag-iago-negueruela tag-javier-de-juan tag-joan-mendez tag-tolo-aguilar tag-xisca-gamundi\" role=\"article\">\n\t\t<figure class=\"post-gallery\"><img loading=\"lazy\" decoding=\"async\" width=\"600\" height=\"400\" src=\"https:\/\/www.psib-psoe.org\/mallorca\/wp-content\/uploads\/Assemblea-Alaro-2-1-600x400.jpeg\" class=\"attachment-notio-general-x2 size-notio-general-x2 wp-post-image\" alt=\"\" srcset=\"https:\/\/www.psib-psoe.org\/mallorca\/wp-content\/uploads\/Assemblea-Alaro-2-1-600x400.jpeg 600w, https:\/\/www.psib-psoe.org\/mallorca\/wp-content\/uploads\/Assemblea-Alaro-2-1-300x200.jpeg 300w, https:\/\/www.psib-psoe.org\/mallorca\/wp-content\/uploads\/Assemblea-Alaro-2-1-900x600.jpeg 900w, https:\/\/www.psib-psoe.org\/mallorca\/wp-content\/uploads\/Assemblea-Alaro-2-1-20x13.jpeg 20w\" sizes=\"(max-width: 600px) 100vw, 600px\" \/><\/figure>\n\t\t<div class=\"blog-top\">\n\t\t\t<header class=\"post-title entry-header\">\n\t\t\t\t<aside class=\"post-meta cf\">\n\t\t25\/06\/2025 \/ <a href=\"https:\/\/www.psib-psoe.org\/mallorca\/category\/federacio-de-mallorca\/\" rel=\"category tag\">Federaci\u00f3 de Mallorca<\/a>, <a href=\"https:\/\/www.psib-psoe.org\/mallorca\/category\/federacio-de-mallorca-portada\/\" rel=\"category tag\">Federaci\u00f3 de Mallorca - Portada<\/a>, <a href=\"https:\/\/www.psib-psoe.org\/mallorca\/category\/municipis\/\" rel=\"category tag\">Municipis<\/a>, <a href=\"https:\/\/www.psib-psoe.org\/mallorca\/category\/portada\/\" rel=\"category tag\">Portada<\/a><\/aside>\n\t\t\t\t<h3 itemprop=\"headline\"><a href=\"https:\/\/www.psib-psoe.org\/mallorca\/andreu-vidal-liderara-lagrupacio-socialista-dalaro-amb-lobjectiu-de-provocar-el-tomb-electoral-al-municipi\/\" title=\"Andreu Vidal liderar\u00e0 l\u2019Agrupaci\u00f3 Socialista d\u2019Alar\u00f3 amb l\u2019objectiu de provocar el tomb electoral al municipi.\">Andreu Vidal liderar\u00e0 l\u2019Agrupaci\u00f3 Socialista d\u2019Alar\u00f3 amb l\u2019objectiu de provocar el tomb electoral al municipi.<\/a><\/h3>\n\t\t\t<\/header>\n\t\t<\/div>\n\t\t<div class=\"post-content\">\n\t\t\t<a href=\"https:\/\/www.psib-psoe.org\/mallorca\/andreu-vidal-liderara-lagrupacio-socialista-dalaro-amb-lobjectiu-de-provocar-el-tomb-electoral-al-municipi\/\" class=\"more-link\">Read More<\/a>\n\t\t<\/div>\n\t\t\t<aside class=\"post-bottom-meta hide\">\n\t\t<strong rel=\"author\" itemprop=\"author\" class=\"author vcard\"><span class=\"fn\">Albert<\/span><\/strong>\n\t\t<time class=\"date published time\" datetime=\"2025-06-25T14:19:00+02:00\" itemprop=\"datePublished\" content=\"2025-06-25T14:19:00+02:00\">25\/06\/2025<\/time>\n\t\t<meta itemprop=\"dateModified\" class=\"date updated\" content=\"2025-06-25T14:19:12+02:00\">\n\t\t<span class=\"hide\" itemprop=\"publisher\" itemscope itemtype=\"https:\/\/schema.org\/Organization\">\n\t\t\t<meta itemprop=\"name\" content=\"SocialistesdMca\">\n\t\t\t<span itemprop=\"logo\" itemscope itemtype=\"https:\/\/schema.org\/ImageObject\">\n\t\t\t\t<meta itemprop=\"url\" content=\"https:\/\/www.psib-psoe.org\/mallorca\/wp-content\/themes\/notio-wp\/assets\/img\/logo.png\">\n\t\t\t<\/span>\n\t\t\t<meta itemprop=\"url\" content=\"https:\/\/www.psib-psoe.org\/mallorca\/\">\n\t\t<\/span>\n\t\t\t\t<span class=\"hide\" itemprop=\"image\" itemscope itemtype=\"http:\/\/schema.org\/ImageObject\">\n\t\t\t<meta itemprop=\"url\" content=\"https:\/\/www.psib-psoe.org\/mallorca\/wp-content\/uploads\/Assemblea-Alaro-2-1.jpeg\">\n\t\t\t<meta itemprop=\"width\" content=\"1600\">\n\t\t\t<meta itemprop=\"height\" content=\"1200\">\n\t\t<\/span>\n\t\t\t\t<meta itemscope itemprop=\"mainEntityOfPage\" itemtype=\"https:\/\/schema.org\/WebPage\" itemid=\"https:\/\/www.psib-psoe.org\/mallorca\/andreu-vidal-liderara-lagrupacio-socialista-dalaro-amb-lobjectiu-de-provocar-el-tomb-electoral-al-municipi\/\">\n\t<\/aside>\n\t\t<\/article>\n<\/div>\n<div class=\"small-12 large-4 columns\">\n\t<article itemscope itemtype=\"http:\/\/schema.org\/Article\" class=\"post blog-style7 alt post-29951 type-post status-publish format-standard has-post-thumbnail hentry category-consell-de-mallorca category-federacio-de-mallorca category-federacio-de-mallorca-portada category-municipis category-portada tag-amanda-fernandez tag-andreu-serra tag-ares-fernandez tag-catalina-cladera tag-consell-de-mallorca tag-federacio-socialista-de-mallorca tag-iago-negueruela\" role=\"article\">\n\t\t<figure class=\"post-gallery\"><img loading=\"lazy\" decoding=\"async\" width=\"600\" height=\"400\" src=\"https:\/\/www.psib-psoe.org\/mallorca\/wp-content\/uploads\/Grup-DPG-2025-2-600x400.jpg\" class=\"attachment-notio-general-x2 size-notio-general-x2 wp-post-image\" alt=\"\" srcset=\"https:\/\/www.psib-psoe.org\/mallorca\/wp-content\/uploads\/Grup-DPG-2025-2-600x400.jpg 600w, https:\/\/www.psib-psoe.org\/mallorca\/wp-content\/uploads\/Grup-DPG-2025-2-300x200.jpg 300w, https:\/\/www.psib-psoe.org\/mallorca\/wp-content\/uploads\/Grup-DPG-2025-2-900x600.jpg 900w, https:\/\/www.psib-psoe.org\/mallorca\/wp-content\/uploads\/Grup-DPG-2025-2-20x13.jpg 20w\" sizes=\"(max-width: 600px) 100vw, 600px\" \/><\/figure>\n\t\t<div class=\"blog-top\">\n\t\t\t<header class=\"post-title entry-header\">\n\t\t\t\t<aside class=\"post-meta cf\">\n\t\t25\/06\/2025 \/ <a href=\"https:\/\/www.psib-psoe.org\/mallorca\/category\/consell-de-mallorca\/\" rel=\"category tag\">Consell de Mallorca<\/a>, <a href=\"https:\/\/www.psib-psoe.org\/mallorca\/category\/federacio-de-mallorca\/\" rel=\"category tag\">Federaci\u00f3 de Mallorca<\/a>, <a href=\"https:\/\/www.psib-psoe.org\/mallorca\/category\/federacio-de-mallorca-portada\/\" rel=\"category tag\">Federaci\u00f3 de Mallorca - Portada<\/a>, <a href=\"https:\/\/www.psib-psoe.org\/mallorca\/category\/municipis\/\" rel=\"category tag\">Municipis<\/a>, <a href=\"https:\/\/www.psib-psoe.org\/mallorca\/category\/portada\/\" rel=\"category tag\">Portada<\/a><\/aside>\n\t\t\t\t<h3 itemprop=\"headline\"><a href=\"https:\/\/www.psib-psoe.org\/mallorca\/el-psib-qualifica-lacord-del-consell-de-mallorca-amb-airbnb-dacte-propagandistic-sense-contingut\/\" title=\"El PSIB qualifica l\u2019acord del Consell de Mallorca amb AirBnB \u201cd\u2019acte propagand\u00edstic sense contingut\u201d.\">El PSIB qualifica l\u2019acord del Consell de Mallorca amb AirBnB \u201cd\u2019acte propagand\u00edstic sense contingut\u201d.<\/a><\/h3>\n\t\t\t<\/header>\n\t\t<\/div>\n\t\t<div class=\"post-content\">\n\t\t\t<a href=\"https:\/\/www.psib-psoe.org\/mallorca\/el-psib-qualifica-lacord-del-consell-de-mallorca-amb-airbnb-dacte-propagandistic-sense-contingut\/\" class=\"more-link\">Read More<\/a>\n\t\t<\/div>\n\t\t\t<aside class=\"post-bottom-meta hide\">\n\t\t<strong rel=\"author\" itemprop=\"author\" class=\"author vcard\"><span class=\"fn\">Albert<\/span><\/strong>\n\t\t<time class=\"date published time\" datetime=\"2025-06-25T12:39:38+02:00\" itemprop=\"datePublished\" content=\"2025-06-25T12:39:38+02:00\">25\/06\/2025<\/time>\n\t\t<meta itemprop=\"dateModified\" class=\"date updated\" content=\"2025-06-25T12:39:49+02:00\">\n\t\t<span class=\"hide\" itemprop=\"publisher\" itemscope itemtype=\"https:\/\/schema.org\/Organization\">\n\t\t\t<meta itemprop=\"name\" content=\"SocialistesdMca\">\n\t\t\t<span itemprop=\"logo\" itemscope itemtype=\"https:\/\/schema.org\/ImageObject\">\n\t\t\t\t<meta itemprop=\"url\" content=\"https:\/\/www.psib-psoe.org\/mallorca\/wp-content\/themes\/notio-wp\/assets\/img\/logo.png\">\n\t\t\t<\/span>\n\t\t\t<meta itemprop=\"url\" content=\"https:\/\/www.psib-psoe.org\/mallorca\/\">\n\t\t<\/span>\n\t\t\t\t<span class=\"hide\" itemprop=\"image\" itemscope itemtype=\"http:\/\/schema.org\/ImageObject\">\n\t\t\t<meta itemprop=\"url\" content=\"https:\/\/www.psib-psoe.org\/mallorca\/wp-content\/uploads\/Grup-DPG-2025-2.jpg\">\n\t\t\t<meta itemprop=\"width\" content=\"1328\">\n\t\t\t<meta itemprop=\"height\" content=\"614\">\n\t\t<\/span>\n\t\t\t\t<meta itemscope itemprop=\"mainEntityOfPage\" itemtype=\"https:\/\/schema.org\/WebPage\" itemid=\"https:\/\/www.psib-psoe.org\/mallorca\/el-psib-qualifica-lacord-del-consell-de-mallorca-amb-airbnb-dacte-propagandistic-sense-contingut\/\">\n\t<\/aside>\n\t\t<\/article>\n<\/div>\n<div class=\"small-12 large-4 columns\">\n\t<article itemscope itemtype=\"http:\/\/schema.org\/Article\" class=\"post blog-style7 alt post-29948 type-post status-publish format-standard has-post-thumbnail hentry category-federacio-de-mallorca category-federacio-de-mallorca-portada category-municipis category-portada tag-amanda-fernandez tag-bernat-roig tag-catalina-cladera tag-consell-de-mallorca tag-endavant tag-federacio-socialista-de-mallorca tag-psib-psoe\" role=\"article\">\n\t\t<figure class=\"post-gallery\"><img loading=\"lazy\" decoding=\"async\" width=\"600\" height=\"400\" src=\"https:\/\/www.psib-psoe.org\/mallorca\/wp-content\/uploads\/Logo-Endavant-Ses-Salines-i-Colonia-Sant-Jordi-600x400.jpg\" class=\"attachment-notio-general-x2 size-notio-general-x2 wp-post-image\" alt=\"\" srcset=\"https:\/\/www.psib-psoe.org\/mallorca\/wp-content\/uploads\/Logo-Endavant-Ses-Salines-i-Colonia-Sant-Jordi-600x400.jpg 600w, https:\/\/www.psib-psoe.org\/mallorca\/wp-content\/uploads\/Logo-Endavant-Ses-Salines-i-Colonia-Sant-Jordi-300x200.jpg 300w, https:\/\/www.psib-psoe.org\/mallorca\/wp-content\/uploads\/Logo-Endavant-Ses-Salines-i-Colonia-Sant-Jordi-20x13.jpg 20w\" sizes=\"(max-width: 600px) 100vw, 600px\" \/><\/figure>\n\t\t<div class=\"blog-top\">\n\t\t\t<header class=\"post-title entry-header\">\n\t\t\t\t<aside class=\"post-meta cf\">\n\t\t24\/06\/2025 \/ <a href=\"https:\/\/www.psib-psoe.org\/mallorca\/category\/federacio-de-mallorca\/\" rel=\"category tag\">Federaci\u00f3 de Mallorca<\/a>, <a href=\"https:\/\/www.psib-psoe.org\/mallorca\/category\/federacio-de-mallorca-portada\/\" rel=\"category tag\">Federaci\u00f3 de Mallorca - Portada<\/a>, <a href=\"https:\/\/www.psib-psoe.org\/mallorca\/category\/municipis\/\" rel=\"category tag\">Municipis<\/a>, <a href=\"https:\/\/www.psib-psoe.org\/mallorca\/category\/portada\/\" rel=\"category tag\">Portada<\/a><\/aside>\n\t\t\t\t<h3 itemprop=\"headline\"><a href=\"https:\/\/www.psib-psoe.org\/mallorca\/el-pp-furta-el-debat-politic-sobre-drets-humans-i-memoria-democratica-a-ses-salines\/\" title=\"El PP furta el debat pol\u00edtic sobre Drets Humans i Mem\u00f2ria Democr\u00e0tica a Ses Salines.\">El PP furta el debat pol\u00edtic sobre Drets Humans i Mem\u00f2ria Democr\u00e0tica a Ses Salines.<\/a><\/h3>\n\t\t\t<\/header>\n\t\t<\/div>\n\t\t<div class=\"post-content\">\n\t\t\t<a href=\"https:\/\/www.psib-psoe.org\/mallorca\/el-pp-furta-el-debat-politic-sobre-drets-humans-i-memoria-democratica-a-ses-salines\/\" class=\"more-link\">Read More<\/a>\n\t\t<\/div>\n\t\t\t<aside class=\"post-bottom-meta hide\">\n\t\t<strong rel=\"author\" itemprop=\"author\" class=\"author vcard\"><span class=\"fn\">Albert<\/span><\/strong>\n\t\t<time class=\"date published time\" datetime=\"2025-06-24T11:31:19+02:00\" itemprop=\"datePublished\" content=\"2025-06-24T11:31:19+02:00\">24\/06\/2025<\/time>\n\t\t<meta itemprop=\"dateModified\" class=\"date updated\" content=\"2025-06-24T11:31:30+02:00\">\n\t\t<span class=\"hide\" itemprop=\"publisher\" itemscope itemtype=\"https:\/\/schema.org\/Organization\">\n\t\t\t<meta itemprop=\"name\" content=\"SocialistesdMca\">\n\t\t\t<span itemprop=\"logo\" itemscope itemtype=\"https:\/\/schema.org\/ImageObject\">\n\t\t\t\t<meta itemprop=\"url\" content=\"https:\/\/www.psib-psoe.org\/mallorca\/wp-content\/themes\/notio-wp\/assets\/img\/logo.png\">\n\t\t\t<\/span>\n\t\t\t<meta itemprop=\"url\" content=\"https:\/\/www.psib-psoe.org\/mallorca\/\">\n\t\t<\/span>\n\t\t\t\t<span class=\"hide\" itemprop=\"image\" itemscope itemtype=\"http:\/\/schema.org\/ImageObject\">\n\t\t\t<meta itemprop=\"url\" content=\"https:\/\/www.psib-psoe.org\/mallorca\/wp-content\/uploads\/Logo-Endavant-Ses-Salines-i-Colonia-Sant-Jordi.jpg\">\n\t\t\t<meta itemprop=\"width\" content=\"1179\">\n\t\t\t<meta itemprop=\"height\" content=\"440\">\n\t\t<\/span>\n\t\t\t\t<meta itemscope itemprop=\"mainEntityOfPage\" itemtype=\"https:\/\/schema.org\/WebPage\" itemid=\"https:\/\/www.psib-psoe.org\/mallorca\/el-pp-furta-el-debat-politic-sobre-drets-humans-i-memoria-democratica-a-ses-salines\/\">\n\t<\/aside>\n\t\t<\/article>\n<\/div>\n<div class=\"small-12 large-4 columns\">\n\t<article itemscope itemtype=\"http:\/\/schema.org\/Article\" class=\"post blog-style7 alt post-29938 type-post status-publish format-standard has-post-thumbnail hentry category-consell-de-mallorca category-federacio-de-mallorca category-federacio-de-mallorca-portada category-municipis category-portada tag-amanda-fernandez tag-andreu-serra tag-ares-fernandez tag-bea-gamundi tag-biel-alomar tag-catalina-cladera tag-consell-de-mallorca tag-federacio-socialista-de-mallorca tag-javier-de-juan tag-joan-ferrer tag-joana-maria-adrover tag-sofia-alonso\" role=\"article\">\n\t\t<figure class=\"post-gallery\"><img loading=\"lazy\" decoding=\"async\" width=\"600\" height=\"400\" src=\"https:\/\/www.psib-psoe.org\/mallorca\/wp-content\/uploads\/Captura-de-pantalla-2025-06-23-154827-600x400.png\" class=\"attachment-notio-general-x2 size-notio-general-x2 wp-post-image\" alt=\"\" srcset=\"https:\/\/www.psib-psoe.org\/mallorca\/wp-content\/uploads\/Captura-de-pantalla-2025-06-23-154827-600x400.png 600w, https:\/\/www.psib-psoe.org\/mallorca\/wp-content\/uploads\/Captura-de-pantalla-2025-06-23-154827-300x200.png 300w, https:\/\/www.psib-psoe.org\/mallorca\/wp-content\/uploads\/Captura-de-pantalla-2025-06-23-154827-20x13.png 20w\" sizes=\"(max-width: 600px) 100vw, 600px\" \/><\/figure>\n\t\t<div class=\"blog-top\">\n\t\t\t<header class=\"post-title entry-header\">\n\t\t\t\t<aside class=\"post-meta cf\">\n\t\t23\/06\/2025 \/ <a href=\"https:\/\/www.psib-psoe.org\/mallorca\/category\/consell-de-mallorca\/\" rel=\"category tag\">Consell de Mallorca<\/a>, <a href=\"https:\/\/www.psib-psoe.org\/mallorca\/category\/federacio-de-mallorca\/\" rel=\"category tag\">Federaci\u00f3 de Mallorca<\/a>, <a href=\"https:\/\/www.psib-psoe.org\/mallorca\/category\/federacio-de-mallorca-portada\/\" rel=\"category tag\">Federaci\u00f3 de Mallorca - Portada<\/a>, <a href=\"https:\/\/www.psib-psoe.org\/mallorca\/category\/municipis\/\" rel=\"category tag\">Municipis<\/a>, <a href=\"https:\/\/www.psib-psoe.org\/mallorca\/category\/portada\/\" rel=\"category tag\">Portada<\/a><\/aside>\n\t\t\t\t<h3 itemprop=\"headline\"><a href=\"https:\/\/www.psib-psoe.org\/mallorca\/el-grup-socialista-demana-que-la-bandera-lgtbi-onegi-a-les-seus-del-consell-durant-la-setmana-de-la-celebracio-de-lorgull\/\" title=\"El Grup Socialista demana que la bandera LGTBI onegi a les seus del Consell durant la setmana de la celebraci\u00f3 de l\u2019Orgull.\u00a0\">El Grup Socialista demana que la bandera LGTBI onegi a les seus del Consell durant la setmana de la celebraci\u00f3 de l\u2019Orgull.\u00a0<\/a><\/h3>\n\t\t\t<\/header>\n\t\t<\/div>\n\t\t<div class=\"post-content\">\n\t\t\t<a href=\"https:\/\/www.psib-psoe.org\/mallorca\/el-grup-socialista-demana-que-la-bandera-lgtbi-onegi-a-les-seus-del-consell-durant-la-setmana-de-la-celebracio-de-lorgull\/\" class=\"more-link\">Read More<\/a>\n\t\t<\/div>\n\t\t\t<aside class=\"post-bottom-meta hide\">\n\t\t<strong rel=\"author\" itemprop=\"author\" class=\"author vcard\"><span class=\"fn\">Albert<\/span><\/strong>\n\t\t<time class=\"date published time\" datetime=\"2025-06-23T15:54:00+02:00\" itemprop=\"datePublished\" content=\"2025-06-23T15:54:00+02:00\">23\/06\/2025<\/time>\n\t\t<meta itemprop=\"dateModified\" class=\"date updated\" content=\"2025-06-23T15:54:12+02:00\">\n\t\t<span class=\"hide\" itemprop=\"publisher\" itemscope itemtype=\"https:\/\/schema.org\/Organization\">\n\t\t\t<meta itemprop=\"name\" content=\"SocialistesdMca\">\n\t\t\t<span itemprop=\"logo\" itemscope itemtype=\"https:\/\/schema.org\/ImageObject\">\n\t\t\t\t<meta itemprop=\"url\" content=\"https:\/\/www.psib-psoe.org\/mallorca\/wp-content\/themes\/notio-wp\/assets\/img\/logo.png\">\n\t\t\t<\/span>\n\t\t\t<meta itemprop=\"url\" content=\"https:\/\/www.psib-psoe.org\/mallorca\/\">\n\t\t<\/span>\n\t\t\t\t<span class=\"hide\" itemprop=\"image\" itemscope itemtype=\"http:\/\/schema.org\/ImageObject\">\n\t\t\t<meta itemprop=\"url\" content=\"https:\/\/www.psib-psoe.org\/mallorca\/wp-content\/uploads\/Captura-de-pantalla-2025-06-23-154827.png\">\n\t\t\t<meta itemprop=\"width\" content=\"1141\">\n\t\t\t<meta itemprop=\"height\" content=\"516\">\n\t\t<\/span>\n\t\t\t\t<meta itemscope itemprop=\"mainEntityOfPage\" itemtype=\"https:\/\/schema.org\/WebPage\" itemid=\"https:\/\/www.psib-psoe.org\/mallorca\/el-grup-socialista-demana-que-la-bandera-lgtbi-onegi-a-les-seus-del-consell-durant-la-setmana-de-la-celebracio-de-lorgull\/\">\n\t<\/aside>\n\t\t<\/article>\n<\/div>\n<div class=\"small-12 large-4 columns\">\n\t<article itemscope itemtype=\"http:\/\/schema.org\/Article\" class=\"post blog-style7 alt post-29935 type-post status-publish format-standard has-post-thumbnail hentry category-federacio-de-mallorca category-municipis category-portada tag-amanda-fernandez tag-federacio-socialista-de-mallorca tag-pep-uceda tag-psib-psoe\" role=\"article\">\n\t\t<figure class=\"post-gallery\"><img loading=\"lazy\" decoding=\"async\" width=\"600\" height=\"400\" src=\"https:\/\/www.psib-psoe.org\/mallorca\/wp-content\/uploads\/230625_-Foto-Grup-PSIB-Capdepera-600x400.jpg\" class=\"attachment-notio-general-x2 size-notio-general-x2 wp-post-image\" alt=\"\" srcset=\"https:\/\/www.psib-psoe.org\/mallorca\/wp-content\/uploads\/230625_-Foto-Grup-PSIB-Capdepera-600x400.jpg 600w, https:\/\/www.psib-psoe.org\/mallorca\/wp-content\/uploads\/230625_-Foto-Grup-PSIB-Capdepera-300x200.jpg 300w, https:\/\/www.psib-psoe.org\/mallorca\/wp-content\/uploads\/230625_-Foto-Grup-PSIB-Capdepera-900x600.jpg 900w, https:\/\/www.psib-psoe.org\/mallorca\/wp-content\/uploads\/230625_-Foto-Grup-PSIB-Capdepera-20x13.jpg 20w\" sizes=\"(max-width: 600px) 100vw, 600px\" \/><\/figure>\n\t\t<div class=\"blog-top\">\n\t\t\t<header class=\"post-title entry-header\">\n\t\t\t\t<aside class=\"post-meta cf\">\n\t\t23\/06\/2025 \/ <a href=\"https:\/\/www.psib-psoe.org\/mallorca\/category\/federacio-de-mallorca\/\" rel=\"category tag\">Federaci\u00f3 de Mallorca<\/a>, <a href=\"https:\/\/www.psib-psoe.org\/mallorca\/category\/municipis\/\" rel=\"category tag\">Municipis<\/a>, <a href=\"https:\/\/www.psib-psoe.org\/mallorca\/category\/portada\/\" rel=\"category tag\">Portada<\/a><\/aside>\n\t\t\t\t<h3 itemprop=\"headline\"><a href=\"https:\/\/www.psib-psoe.org\/mallorca\/pep-uceda-elegit-nou-secretari-general-de-lagrupacio-socialista-de-capdepera\/\" title=\"Pep Uceda elegit nou secretari general de l\u2019Agrupaci\u00f3 Socialista de Capdepera\">Pep Uceda elegit nou secretari general de l\u2019Agrupaci\u00f3 Socialista de Capdepera<\/a><\/h3>\n\t\t\t<\/header>\n\t\t<\/div>\n\t\t<div class=\"post-content\">\n\t\t\t<a href=\"https:\/\/www.psib-psoe.org\/mallorca\/pep-uceda-elegit-nou-secretari-general-de-lagrupacio-socialista-de-capdepera\/\" class=\"more-link\">Read More<\/a>\n\t\t<\/div>\n\t\t\t<aside class=\"post-bottom-meta hide\">\n\t\t<strong rel=\"author\" itemprop=\"author\" class=\"author vcard\"><span class=\"fn\">Marc<\/span><\/strong>\n\t\t<time class=\"date published time\" datetime=\"2025-06-23T12:15:39+02:00\" itemprop=\"datePublished\" content=\"2025-06-23T12:15:39+02:00\">23\/06\/2025<\/time>\n\t\t<meta itemprop=\"dateModified\" class=\"date updated\" content=\"2025-06-23T12:15:52+02:00\">\n\t\t<span class=\"hide\" itemprop=\"publisher\" itemscope itemtype=\"https:\/\/schema.org\/Organization\">\n\t\t\t<meta itemprop=\"name\" content=\"SocialistesdMca\">\n\t\t\t<span itemprop=\"logo\" itemscope itemtype=\"https:\/\/schema.org\/ImageObject\">\n\t\t\t\t<meta itemprop=\"url\" content=\"https:\/\/www.psib-psoe.org\/mallorca\/wp-content\/themes\/notio-wp\/assets\/img\/logo.png\">\n\t\t\t<\/span>\n\t\t\t<meta itemprop=\"url\" content=\"https:\/\/www.psib-psoe.org\/mallorca\/\">\n\t\t<\/span>\n\t\t\t\t<span class=\"hide\" itemprop=\"image\" itemscope itemtype=\"http:\/\/schema.org\/ImageObject\">\n\t\t\t<meta itemprop=\"url\" content=\"https:\/\/www.psib-psoe.org\/mallorca\/wp-content\/uploads\/230625_-Foto-Grup-PSIB-Capdepera.jpg\">\n\t\t\t<meta itemprop=\"width\" content=\"2000\">\n\t\t\t<meta itemprop=\"height\" content=\"1500\">\n\t\t<\/span>\n\t\t\t\t<meta itemscope itemprop=\"mainEntityOfPage\" itemtype=\"https:\/\/schema.org\/WebPage\" itemid=\"https:\/\/www.psib-psoe.org\/mallorca\/pep-uceda-elegit-nou-secretari-general-de-lagrupacio-socialista-de-capdepera\/\">\n\t<\/aside>\n\t\t<\/article>\n<\/div>\n<div class=\"small-12 large-4 columns\">\n\t<article itemscope itemtype=\"http:\/\/schema.org\/Article\" class=\"post blog-style7 alt post-29931 type-post status-publish format-standard has-post-thumbnail hentry category-federacio-de-mallorca category-municipis category-portada tag-amanda-fernandez tag-federacio-socialista-de-mallorca tag-francina-armengol tag-maria-plaza tag-premis-maria-plaza tag-psib-psoe\" role=\"article\">\n\t\t<figure class=\"post-gallery\"><img loading=\"lazy\" decoding=\"async\" width=\"600\" height=\"400\" src=\"https:\/\/www.psib-psoe.org\/mallorca\/wp-content\/uploads\/Maria-Plaza-1-600x400.jpg\" class=\"attachment-notio-general-x2 size-notio-general-x2 wp-post-image\" alt=\"\" srcset=\"https:\/\/www.psib-psoe.org\/mallorca\/wp-content\/uploads\/Maria-Plaza-1-600x400.jpg 600w, https:\/\/www.psib-psoe.org\/mallorca\/wp-content\/uploads\/Maria-Plaza-1-300x200.jpg 300w, https:\/\/www.psib-psoe.org\/mallorca\/wp-content\/uploads\/Maria-Plaza-1-1024x682.jpg 1024w, https:\/\/www.psib-psoe.org\/mallorca\/wp-content\/uploads\/Maria-Plaza-1-768x512.jpg 768w, https:\/\/www.psib-psoe.org\/mallorca\/wp-content\/uploads\/Maria-Plaza-1-1536x1024.jpg 1536w, https:\/\/www.psib-psoe.org\/mallorca\/wp-content\/uploads\/Maria-Plaza-1-2048x1365.jpg 2048w, https:\/\/www.psib-psoe.org\/mallorca\/wp-content\/uploads\/Maria-Plaza-1-150x100.jpg 150w, https:\/\/www.psib-psoe.org\/mallorca\/wp-content\/uploads\/Maria-Plaza-1-900x600.jpg 900w, https:\/\/www.psib-psoe.org\/mallorca\/wp-content\/uploads\/Maria-Plaza-1-20x13.jpg 20w\" sizes=\"(max-width: 600px) 100vw, 600px\" \/><\/figure>\n\t\t<div class=\"blog-top\">\n\t\t\t<header class=\"post-title entry-header\">\n\t\t\t\t<aside class=\"post-meta cf\">\n\t\t21\/06\/2025 \/ <a href=\"https:\/\/www.psib-psoe.org\/mallorca\/category\/federacio-de-mallorca\/\" rel=\"category tag\">Federaci\u00f3 de Mallorca<\/a>, <a href=\"https:\/\/www.psib-psoe.org\/mallorca\/category\/municipis\/\" rel=\"category tag\">Municipis<\/a>, <a href=\"https:\/\/www.psib-psoe.org\/mallorca\/category\/portada\/\" rel=\"category tag\">Portada<\/a><\/aside>\n\t\t\t\t<h3 itemprop=\"headline\"><a href=\"https:\/\/www.psib-psoe.org\/mallorca\/lassociacio-gent-com-tu-de-sa-pobla-premi-maria-plaza-2025\/\" title=\"L\u2019associaci\u00f3 &#8216;Gent com tu&#8217;, de sa Pobla, premi Maria Plaza 2025\">L\u2019associaci\u00f3 &#8216;Gent com tu&#8217;, de sa Pobla, premi Maria Plaza 2025<\/a><\/h3>\n\t\t\t<\/header>\n\t\t<\/div>\n\t\t<div class=\"post-content\">\n\t\t\t<a href=\"https:\/\/www.psib-psoe.org\/mallorca\/lassociacio-gent-com-tu-de-sa-pobla-premi-maria-plaza-2025\/\" class=\"more-link\">Read More<\/a>\n\t\t<\/div>\n\t\t\t<aside class=\"post-bottom-meta hide\">\n\t\t<strong rel=\"author\" itemprop=\"author\" class=\"author vcard\"><span class=\"fn\">Albert<\/span><\/strong>\n\t\t<time class=\"date published time\" datetime=\"2025-06-21T13:33:14+02:00\" itemprop=\"datePublished\" content=\"2025-06-21T13:33:14+02:00\">21\/06\/2025<\/time>\n\t\t<meta itemprop=\"dateModified\" class=\"date updated\" content=\"2025-06-21T13:34:50+02:00\">\n\t\t<span class=\"hide\" itemprop=\"publisher\" itemscope itemtype=\"https:\/\/schema.org\/Organization\">\n\t\t\t<meta itemprop=\"name\" content=\"SocialistesdMca\">\n\t\t\t<span itemprop=\"logo\" itemscope itemtype=\"https:\/\/schema.org\/ImageObject\">\n\t\t\t\t<meta itemprop=\"url\" content=\"https:\/\/www.psib-psoe.org\/mallorca\/wp-content\/themes\/notio-wp\/assets\/img\/logo.png\">\n\t\t\t<\/span>\n\t\t\t<meta itemprop=\"url\" content=\"https:\/\/www.psib-psoe.org\/mallorca\/\">\n\t\t<\/span>\n\t\t\t\t<span class=\"hide\" itemprop=\"image\" itemscope itemtype=\"http:\/\/schema.org\/ImageObject\">\n\t\t\t<meta itemprop=\"url\" content=\"https:\/\/www.psib-psoe.org\/mallorca\/wp-content\/uploads\/Maria-Plaza-1.jpg\">\n\t\t\t<meta itemprop=\"width\" content=\"2560\">\n\t\t\t<meta itemprop=\"height\" content=\"1706\">\n\t\t<\/span>\n\t\t\t\t<meta itemscope itemprop=\"mainEntityOfPage\" itemtype=\"https:\/\/schema.org\/WebPage\" itemid=\"https:\/\/www.psib-psoe.org\/mallorca\/lassociacio-gent-com-tu-de-sa-pobla-premi-maria-plaza-2025\/\">\n\t<\/aside>\n\t\t<\/article>\n<\/div>\n<div class=\"small-12 large-4 columns\">\n\t<article itemscope itemtype=\"http:\/\/schema.org\/Article\" class=\"post blog-style7 alt post-29929 type-post status-publish format-standard has-post-thumbnail hentry category-federacio-de-mallorca tag-federacio-socialista-de-mallorca\" role=\"article\">\n\t\t<figure class=\"post-gallery\"><img loading=\"lazy\" decoding=\"async\" width=\"600\" height=\"400\" src=\"https:\/\/www.psib-psoe.org\/mallorca\/wp-content\/uploads\/DSC03163-1000x667-1-600x400.jpg\" class=\"attachment-notio-general-x2 size-notio-general-x2 wp-post-image\" alt=\"\" srcset=\"https:\/\/www.psib-psoe.org\/mallorca\/wp-content\/uploads\/DSC03163-1000x667-1-600x400.jpg 600w, https:\/\/www.psib-psoe.org\/mallorca\/wp-content\/uploads\/DSC03163-1000x667-1-300x200.jpg 300w, https:\/\/www.psib-psoe.org\/mallorca\/wp-content\/uploads\/DSC03163-1000x667-1-768x512.jpg 768w, https:\/\/www.psib-psoe.org\/mallorca\/wp-content\/uploads\/DSC03163-1000x667-1-150x100.jpg 150w, https:\/\/www.psib-psoe.org\/mallorca\/wp-content\/uploads\/DSC03163-1000x667-1-900x600.jpg 900w, https:\/\/www.psib-psoe.org\/mallorca\/wp-content\/uploads\/DSC03163-1000x667-1-20x13.jpg 20w, https:\/\/www.psib-psoe.org\/mallorca\/wp-content\/uploads\/DSC03163-1000x667-1.jpg 1000w\" sizes=\"(max-width: 600px) 100vw, 600px\" \/><\/figure>\n\t\t<div class=\"blog-top\">\n\t\t\t<header class=\"post-title entry-header\">\n\t\t\t\t<aside class=\"post-meta cf\">\n\t\t21\/06\/2025 \/ <a href=\"https:\/\/www.psib-psoe.org\/mallorca\/category\/federacio-de-mallorca\/\" rel=\"category tag\">Federaci\u00f3 de Mallorca<\/a><\/aside>\n\t\t\t\t<h3 itemprop=\"headline\"><a href=\"https:\/\/www.psib-psoe.org\/mallorca\/francina-armengol-no-permetre-que-sintenti-embrutar-el-meu-nom-ni-el-dels-socialistes-que-son-honests-i-que-fan-feina-intensament-per-transformar-la-vida-de-la-gent-a-millor\/\" title=\"Francina Armengol: \u201cNo permetr\u00e9 que s\u2019intenti embrutar el meu nom, ni el dels socialistes que s\u00f3n honests i que fan feina intensament per transformar la vida de la gent a millor\u201d\">Francina Armengol: \u201cNo permetr\u00e9 que s\u2019intenti embrutar el meu nom, ni el dels socialistes que s\u00f3n honests i que fan feina intensament per transformar la vida de la gent a millor\u201d<\/a><\/h3>\n\t\t\t<\/header>\n\t\t<\/div>\n\t\t<div class=\"post-content\">\n\t\t\t<a href=\"https:\/\/www.psib-psoe.org\/mallorca\/francina-armengol-no-permetre-que-sintenti-embrutar-el-meu-nom-ni-el-dels-socialistes-que-son-honests-i-que-fan-feina-intensament-per-transformar-la-vida-de-la-gent-a-millor\/\" class=\"more-link\">Read More<\/a>\n\t\t<\/div>\n\t\t\t<aside class=\"post-bottom-meta hide\">\n\t\t<strong rel=\"author\" itemprop=\"author\" class=\"author vcard\"><span class=\"fn\">adminpsib<\/span><\/strong>\n\t\t<time class=\"date published time\" datetime=\"2025-06-21T10:42:24+02:00\" itemprop=\"datePublished\" content=\"2025-06-21T10:42:24+02:00\">21\/06\/2025<\/time>\n\t\t<meta itemprop=\"dateModified\" class=\"date updated\" content=\"2025-06-21T10:42:24+02:00\">\n\t\t<span class=\"hide\" itemprop=\"publisher\" itemscope itemtype=\"https:\/\/schema.org\/Organization\">\n\t\t\t<meta itemprop=\"name\" content=\"SocialistesdMca\">\n\t\t\t<span itemprop=\"logo\" itemscope itemtype=\"https:\/\/schema.org\/ImageObject\">\n\t\t\t\t<meta itemprop=\"url\" content=\"https:\/\/www.psib-psoe.org\/mallorca\/wp-content\/themes\/notio-wp\/assets\/img\/logo.png\">\n\t\t\t<\/span>\n\t\t\t<meta itemprop=\"url\" content=\"https:\/\/www.psib-psoe.org\/mallorca\/\">\n\t\t<\/span>\n\t\t\t\t<span class=\"hide\" itemprop=\"image\" itemscope itemtype=\"http:\/\/schema.org\/ImageObject\">\n\t\t\t<meta itemprop=\"url\" content=\"https:\/\/www.psib-psoe.org\/mallorca\/wp-content\/uploads\/DSC03163-1000x667-1.jpg\">\n\t\t\t<meta itemprop=\"width\" content=\"1000\">\n\t\t\t<meta itemprop=\"height\" content=\"667\">\n\t\t<\/span>\n\t\t\t\t<meta itemscope itemprop=\"mainEntityOfPage\" itemtype=\"https:\/\/schema.org\/WebPage\" itemid=\"https:\/\/www.psib-psoe.org\/mallorca\/francina-armengol-no-permetre-que-sintenti-embrutar-el-meu-nom-ni-el-dels-socialistes-que-son-honests-i-que-fan-feina-intensament-per-transformar-la-vida-de-la-gent-a-millor\/\">\n\t<\/aside>\n\t\t<\/article>\n<\/div>\n<div class=\"small-12 large-4 columns\">\n\t<article itemscope itemtype=\"http:\/\/schema.org\/Article\" class=\"post blog-style7 alt post-29925 type-post status-publish format-standard has-post-thumbnail hentry category-federacio-de-mallorca category-federacio-de-mallorca-portada category-municipis category-portada tag-agrupacio-socialista-de-santa-maria tag-amanda-fernandez tag-ana-maria-muela tag-ana-muela tag-ares-fernandez tag-consell-de-mallorca tag-federacio-socialista-de-mallorca tag-marc-vich tag-santa-maria-del-cami\" role=\"article\">\n\t\t<figure class=\"post-gallery\"><img loading=\"lazy\" decoding=\"async\" width=\"600\" height=\"400\" src=\"https:\/\/www.psib-psoe.org\/mallorca\/wp-content\/uploads\/200625_Foto-Grup-Santa-Maria-600x400.jpg\" class=\"attachment-notio-general-x2 size-notio-general-x2 wp-post-image\" alt=\"\" srcset=\"https:\/\/www.psib-psoe.org\/mallorca\/wp-content\/uploads\/200625_Foto-Grup-Santa-Maria-600x400.jpg 600w, https:\/\/www.psib-psoe.org\/mallorca\/wp-content\/uploads\/200625_Foto-Grup-Santa-Maria-300x200.jpg 300w, https:\/\/www.psib-psoe.org\/mallorca\/wp-content\/uploads\/200625_Foto-Grup-Santa-Maria-900x600.jpg 900w, https:\/\/www.psib-psoe.org\/mallorca\/wp-content\/uploads\/200625_Foto-Grup-Santa-Maria-20x13.jpg 20w\" sizes=\"(max-width: 600px) 100vw, 600px\" \/><\/figure>\n\t\t<div class=\"blog-top\">\n\t\t\t<header class=\"post-title entry-header\">\n\t\t\t\t<aside class=\"post-meta cf\">\n\t\t20\/06\/2025 \/ <a href=\"https:\/\/www.psib-psoe.org\/mallorca\/category\/federacio-de-mallorca\/\" rel=\"category tag\">Federaci\u00f3 de Mallorca<\/a>, <a href=\"https:\/\/www.psib-psoe.org\/mallorca\/category\/federacio-de-mallorca-portada\/\" rel=\"category tag\">Federaci\u00f3 de Mallorca - Portada<\/a>, <a href=\"https:\/\/www.psib-psoe.org\/mallorca\/category\/municipis\/\" rel=\"category tag\">Municipis<\/a>, <a href=\"https:\/\/www.psib-psoe.org\/mallorca\/category\/portada\/\" rel=\"category tag\">Portada<\/a><\/aside>\n\t\t\t\t<h3 itemprop=\"headline\"><a href=\"https:\/\/www.psib-psoe.org\/mallorca\/els-socialistes-de-santa-maria-del-cami-renoven-la-seva-comissio-executiva-amb-marc-vich-com-a-secretari-general\/\" title=\"Els socialistes de Santa Maria del Cam\u00ed renoven la seva Comissi\u00f3 Executiva amb Marc Vich com a secretari general\">Els socialistes de Santa Maria del Cam\u00ed renoven la seva Comissi\u00f3 Executiva amb Marc Vich com a secretari general<\/a><\/h3>\n\t\t\t<\/header>\n\t\t<\/div>\n\t\t<div class=\"post-content\">\n\t\t\t<a href=\"https:\/\/www.psib-psoe.org\/mallorca\/els-socialistes-de-santa-maria-del-cami-renoven-la-seva-comissio-executiva-amb-marc-vich-com-a-secretari-general\/\" class=\"more-link\">Read More<\/a>\n\t\t<\/div>\n\t\t\t<aside class=\"post-bottom-meta hide\">\n\t\t<strong rel=\"author\" itemprop=\"author\" class=\"author vcard\"><span class=\"fn\">Marc<\/span><\/strong>\n\t\t<time class=\"date published time\" datetime=\"2025-06-20T13:07:07+02:00\" itemprop=\"datePublished\" content=\"2025-06-20T13:07:07+02:00\">20\/06\/2025<\/time>\n\t\t<meta itemprop=\"dateModified\" class=\"date updated\" content=\"2025-06-20T13:12:32+02:00\">\n\t\t<span class=\"hide\" itemprop=\"publisher\" itemscope itemtype=\"https:\/\/schema.org\/Organization\">\n\t\t\t<meta itemprop=\"name\" content=\"SocialistesdMca\">\n\t\t\t<span itemprop=\"logo\" itemscope itemtype=\"https:\/\/schema.org\/ImageObject\">\n\t\t\t\t<meta itemprop=\"url\" content=\"https:\/\/www.psib-psoe.org\/mallorca\/wp-content\/themes\/notio-wp\/assets\/img\/logo.png\">\n\t\t\t<\/span>\n\t\t\t<meta itemprop=\"url\" content=\"https:\/\/www.psib-psoe.org\/mallorca\/\">\n\t\t<\/span>\n\t\t\t\t<span class=\"hide\" itemprop=\"image\" itemscope itemtype=\"http:\/\/schema.org\/ImageObject\">\n\t\t\t<meta itemprop=\"url\" content=\"https:\/\/www.psib-psoe.org\/mallorca\/wp-content\/uploads\/200625_Foto-Grup-Santa-Maria-scaled.jpg\">\n\t\t\t<meta itemprop=\"width\" content=\"2560\">\n\t\t\t<meta itemprop=\"height\" content=\"1920\">\n\t\t<\/span>\n\t\t\t\t<meta itemscope itemprop=\"mainEntityOfPage\" itemtype=\"https:\/\/schema.org\/WebPage\" itemid=\"https:\/\/www.psib-psoe.org\/mallorca\/els-socialistes-de-santa-maria-del-cami-renoven-la-seva-comissio-executiva-amb-marc-vich-com-a-secretari-general\/\">\n\t<\/aside>\n\t\t<\/article>\n<\/div>\n<div class=\"small-12 large-4 columns\">\n\t<article itemscope itemtype=\"http:\/\/schema.org\/Article\" class=\"post blog-style7 alt post-29921 type-post status-publish format-standard has-post-thumbnail hentry category-consell-de-mallorca category-federacio-de-mallorca category-federacio-de-mallorca-portada category-municipis category-portada tag-amanda-fernandez tag-ares-fernandez tag-bea-gamundi tag-catalina-cladera tag-consell-de-mallorca tag-federacio-socialista-de-mallorca\" role=\"article\">\n\t\t<figure class=\"post-gallery\"><img loading=\"lazy\" decoding=\"async\" width=\"600\" height=\"400\" src=\"https:\/\/www.psib-psoe.org\/mallorca\/wp-content\/uploads\/Geganters-600x400.jpeg\" class=\"attachment-notio-general-x2 size-notio-general-x2 wp-post-image\" alt=\"\" srcset=\"https:\/\/www.psib-psoe.org\/mallorca\/wp-content\/uploads\/Geganters-600x400.jpeg 600w, https:\/\/www.psib-psoe.org\/mallorca\/wp-content\/uploads\/Geganters-300x200.jpeg 300w, https:\/\/www.psib-psoe.org\/mallorca\/wp-content\/uploads\/Geganters-900x600.jpeg 900w, https:\/\/www.psib-psoe.org\/mallorca\/wp-content\/uploads\/Geganters-20x13.jpeg 20w\" sizes=\"(max-width: 600px) 100vw, 600px\" \/><\/figure>\n\t\t<div class=\"blog-top\">\n\t\t\t<header class=\"post-title entry-header\">\n\t\t\t\t<aside class=\"post-meta cf\">\n\t\t20\/06\/2025 \/ <a href=\"https:\/\/www.psib-psoe.org\/mallorca\/category\/consell-de-mallorca\/\" rel=\"category tag\">Consell de Mallorca<\/a>, <a href=\"https:\/\/www.psib-psoe.org\/mallorca\/category\/federacio-de-mallorca\/\" rel=\"category tag\">Federaci\u00f3 de Mallorca<\/a>, <a href=\"https:\/\/www.psib-psoe.org\/mallorca\/category\/federacio-de-mallorca-portada\/\" rel=\"category tag\">Federaci\u00f3 de Mallorca - Portada<\/a>, <a href=\"https:\/\/www.psib-psoe.org\/mallorca\/category\/municipis\/\" rel=\"category tag\">Municipis<\/a>, <a href=\"https:\/\/www.psib-psoe.org\/mallorca\/category\/portada\/\" rel=\"category tag\">Portada<\/a><\/aside>\n\t\t\t\t<h3 itemprop=\"headline\"><a href=\"https:\/\/www.psib-psoe.org\/mallorca\/el-grup-socialista-del-consell-de-mallorca-lamenta-el-menyspreu-del-govern-de-galmes-cap-a-les-colles-geganteres\/\" title=\"El Grup Socialista del Consell de Mallorca lamenta el menyspreu del Govern de Galm\u00e9s cap a les colles geganteres.\u00a0\">El Grup Socialista del Consell de Mallorca lamenta el menyspreu del Govern de Galm\u00e9s cap a les colles geganteres.\u00a0<\/a><\/h3>\n\t\t\t<\/header>\n\t\t<\/div>\n\t\t<div class=\"post-content\">\n\t\t\t<a href=\"https:\/\/www.psib-psoe.org\/mallorca\/el-grup-socialista-del-consell-de-mallorca-lamenta-el-menyspreu-del-govern-de-galmes-cap-a-les-colles-geganteres\/\" class=\"more-link\">Read More<\/a>\n\t\t<\/div>\n\t\t\t<aside class=\"post-bottom-meta hide\">\n\t\t<strong rel=\"author\" itemprop=\"author\" class=\"author vcard\"><span class=\"fn\">Albert<\/span><\/strong>\n\t\t<time class=\"date published time\" datetime=\"2025-06-20T10:43:33+02:00\" itemprop=\"datePublished\" content=\"2025-06-20T10:43:33+02:00\">20\/06\/2025<\/time>\n\t\t<meta itemprop=\"dateModified\" class=\"date updated\" content=\"2025-06-20T10:43:44+02:00\">\n\t\t<span class=\"hide\" itemprop=\"publisher\" itemscope itemtype=\"https:\/\/schema.org\/Organization\">\n\t\t\t<meta itemprop=\"name\" content=\"SocialistesdMca\">\n\t\t\t<span itemprop=\"logo\" itemscope itemtype=\"https:\/\/schema.org\/ImageObject\">\n\t\t\t\t<meta itemprop=\"url\" content=\"https:\/\/www.psib-psoe.org\/mallorca\/wp-content\/themes\/notio-wp\/assets\/img\/logo.png\">\n\t\t\t<\/span>\n\t\t\t<meta itemprop=\"url\" content=\"https:\/\/www.psib-psoe.org\/mallorca\/\">\n\t\t<\/span>\n\t\t\t\t<span class=\"hide\" itemprop=\"image\" itemscope itemtype=\"http:\/\/schema.org\/ImageObject\">\n\t\t\t<meta itemprop=\"url\" content=\"https:\/\/www.psib-psoe.org\/mallorca\/wp-content\/uploads\/Geganters.jpeg\">\n\t\t\t<meta itemprop=\"width\" content=\"2048\">\n\t\t\t<meta itemprop=\"height\" content=\"1536\">\n\t\t<\/span>\n\t\t\t\t<meta itemscope itemprop=\"mainEntityOfPage\" itemtype=\"https:\/\/schema.org\/WebPage\" itemid=\"https:\/\/www.psib-psoe.org\/mallorca\/el-grup-socialista-del-consell-de-mallorca-lamenta-el-menyspreu-del-govern-de-galmes-cap-a-les-colles-geganteres\/\">\n\t<\/aside>\n\t\t<\/article>\n<\/div>\n<div class=\"small-12 large-4 columns\">\n\t<article itemscope itemtype=\"http:\/\/schema.org\/Article\" class=\"post blog-style7 alt post-29916 type-post status-publish format-standard has-post-thumbnail hentry category-consell-de-mallorca category-federacio-de-mallorca category-federacio-de-mallorca-portada category-municipis category-portada tag-amanda-fernandez tag-ares-fernandez tag-catalina-cladera tag-consell-de-mallorca tag-federacio-socialista-de-mallorca\" role=\"article\">\n\t\t<figure class=\"post-gallery\"><img loading=\"lazy\" decoding=\"async\" width=\"320\" height=\"320\" src=\"https:\/\/www.psib-psoe.org\/mallorca\/wp-content\/uploads\/Logo-Mallorca.jpeg\" class=\"attachment-notio-general-x2 size-notio-general-x2 wp-post-image\" alt=\"\" srcset=\"https:\/\/www.psib-psoe.org\/mallorca\/wp-content\/uploads\/Logo-Mallorca.jpeg 320w, https:\/\/www.psib-psoe.org\/mallorca\/wp-content\/uploads\/Logo-Mallorca-300x300.jpeg 300w, https:\/\/www.psib-psoe.org\/mallorca\/wp-content\/uploads\/Logo-Mallorca-150x150.jpeg 150w, https:\/\/www.psib-psoe.org\/mallorca\/wp-content\/uploads\/Logo-Mallorca-20x20.jpeg 20w\" sizes=\"(max-width: 320px) 100vw, 320px\" \/><\/figure>\n\t\t<div class=\"blog-top\">\n\t\t\t<header class=\"post-title entry-header\">\n\t\t\t\t<aside class=\"post-meta cf\">\n\t\t19\/06\/2025 \/ <a href=\"https:\/\/www.psib-psoe.org\/mallorca\/category\/consell-de-mallorca\/\" rel=\"category tag\">Consell de Mallorca<\/a>, <a href=\"https:\/\/www.psib-psoe.org\/mallorca\/category\/federacio-de-mallorca\/\" rel=\"category tag\">Federaci\u00f3 de Mallorca<\/a>, <a href=\"https:\/\/www.psib-psoe.org\/mallorca\/category\/federacio-de-mallorca-portada\/\" rel=\"category tag\">Federaci\u00f3 de Mallorca - Portada<\/a>, <a href=\"https:\/\/www.psib-psoe.org\/mallorca\/category\/municipis\/\" rel=\"category tag\">Municipis<\/a>, <a href=\"https:\/\/www.psib-psoe.org\/mallorca\/category\/portada\/\" rel=\"category tag\">Portada<\/a><\/aside>\n\t\t\t\t<h3 itemprop=\"headline\"><a href=\"https:\/\/www.psib-psoe.org\/mallorca\/el-psib-lamenta-la-hipocresia-del-pp-mentre-bloqueja-la-millora-del-financament-autonomic-i-local-usa-les-institucions-que-controla-a-mallorca-i-balears-per-manifestar-se-en-contra\/\" title=\"El PSIB lamenta la \u201chipocresia\u201d del PP: mentre bloqueja la millora del finan\u00e7ament auton\u00f2mic i local, usa les institucions que controla a Mallorca i Balears per manifestar-se en contra del govern de l\u2019Estat.\u00a0\">El PSIB lamenta la \u201chipocresia\u201d del PP: mentre bloqueja la millora del finan\u00e7ament auton\u00f2mic i local, usa les institucions que controla a Mallorca i Balears per manifestar-se en contra del govern de l\u2019Estat.\u00a0<\/a><\/h3>\n\t\t\t<\/header>\n\t\t<\/div>\n\t\t<div class=\"post-content\">\n\t\t\t<a href=\"https:\/\/www.psib-psoe.org\/mallorca\/el-psib-lamenta-la-hipocresia-del-pp-mentre-bloqueja-la-millora-del-financament-autonomic-i-local-usa-les-institucions-que-controla-a-mallorca-i-balears-per-manifestar-se-en-contra\/\" class=\"more-link\">Read More<\/a>\n\t\t<\/div>\n\t\t\t<aside class=\"post-bottom-meta hide\">\n\t\t<strong rel=\"author\" itemprop=\"author\" class=\"author vcard\"><span class=\"fn\">Albert<\/span><\/strong>\n\t\t<time class=\"date published time\" datetime=\"2025-06-19T17:01:22+02:00\" itemprop=\"datePublished\" content=\"2025-06-19T17:01:22+02:00\">19\/06\/2025<\/time>\n\t\t<meta itemprop=\"dateModified\" class=\"date updated\" content=\"2025-06-19T17:01:34+02:00\">\n\t\t<span class=\"hide\" itemprop=\"publisher\" itemscope itemtype=\"https:\/\/schema.org\/Organization\">\n\t\t\t<meta itemprop=\"name\" content=\"SocialistesdMca\">\n\t\t\t<span itemprop=\"logo\" itemscope itemtype=\"https:\/\/schema.org\/ImageObject\">\n\t\t\t\t<meta itemprop=\"url\" content=\"https:\/\/www.psib-psoe.org\/mallorca\/wp-content\/themes\/notio-wp\/assets\/img\/logo.png\">\n\t\t\t<\/span>\n\t\t\t<meta itemprop=\"url\" content=\"https:\/\/www.psib-psoe.org\/mallorca\/\">\n\t\t<\/span>\n\t\t\t\t<span class=\"hide\" itemprop=\"image\" itemscope itemtype=\"http:\/\/schema.org\/ImageObject\">\n\t\t\t<meta itemprop=\"url\" content=\"https:\/\/www.psib-psoe.org\/mallorca\/wp-content\/uploads\/Logo-Mallorca.jpeg\">\n\t\t\t<meta itemprop=\"width\" content=\"320\">\n\t\t\t<meta itemprop=\"height\" content=\"320\">\n\t\t<\/span>\n\t\t\t\t<meta itemscope itemprop=\"mainEntityOfPage\" itemtype=\"https:\/\/schema.org\/WebPage\" itemid=\"https:\/\/www.psib-psoe.org\/mallorca\/el-psib-lamenta-la-hipocresia-del-pp-mentre-bloqueja-la-millora-del-financament-autonomic-i-local-usa-les-institucions-que-controla-a-mallorca-i-balears-per-manifestar-se-en-contra\/\">\n\t<\/aside>\n\t\t<\/article>\n<\/div>\n<div class=\"small-12 large-4 columns\">\n\t<article itemscope itemtype=\"http:\/\/schema.org\/Article\" class=\"post blog-style7 alt post-29911 type-post status-publish format-standard has-post-thumbnail hentry category-federacio-de-mallorca category-federacio-de-mallorca-portada category-municipis category-portada tag-agrupacio-socialista-dalgaida tag-amanda-fernandez tag-ares-fernandez tag-federacio-socialista-de-mallorca tag-joan-janer tag-marga-fullana\" role=\"article\">\n\t\t<figure class=\"post-gallery\"><img loading=\"lazy\" decoding=\"async\" width=\"600\" height=\"400\" src=\"https:\/\/www.psib-psoe.org\/mallorca\/wp-content\/uploads\/Assemblea-Algaida-juny-25-600x400.jpg\" class=\"attachment-notio-general-x2 size-notio-general-x2 wp-post-image\" alt=\"\" srcset=\"https:\/\/www.psib-psoe.org\/mallorca\/wp-content\/uploads\/Assemblea-Algaida-juny-25-600x400.jpg 600w, https:\/\/www.psib-psoe.org\/mallorca\/wp-content\/uploads\/Assemblea-Algaida-juny-25-300x200.jpg 300w, https:\/\/www.psib-psoe.org\/mallorca\/wp-content\/uploads\/Assemblea-Algaida-juny-25-900x600.jpg 900w, https:\/\/www.psib-psoe.org\/mallorca\/wp-content\/uploads\/Assemblea-Algaida-juny-25-20x13.jpg 20w\" sizes=\"(max-width: 600px) 100vw, 600px\" \/><\/figure>\n\t\t<div class=\"blog-top\">\n\t\t\t<header class=\"post-title entry-header\">\n\t\t\t\t<aside class=\"post-meta cf\">\n\t\t18\/06\/2025 \/ <a href=\"https:\/\/www.psib-psoe.org\/mallorca\/category\/federacio-de-mallorca\/\" rel=\"category tag\">Federaci\u00f3 de Mallorca<\/a>, <a href=\"https:\/\/www.psib-psoe.org\/mallorca\/category\/federacio-de-mallorca-portada\/\" rel=\"category tag\">Federaci\u00f3 de Mallorca - Portada<\/a>, <a href=\"https:\/\/www.psib-psoe.org\/mallorca\/category\/municipis\/\" rel=\"category tag\">Municipis<\/a>, <a href=\"https:\/\/www.psib-psoe.org\/mallorca\/category\/portada\/\" rel=\"category tag\">Portada<\/a><\/aside>\n\t\t\t\t<h3 itemprop=\"headline\"><a href=\"https:\/\/www.psib-psoe.org\/mallorca\/joan-janer-elegit-nou-secretari-general-de-lagrupacio-socialista-dalgaida\/\" title=\"Joan Janer, elegit nou secretari general de l\u2019Agrupaci\u00f3 Socialista d&#8217;Algaida.\">Joan Janer, elegit nou secretari general de l\u2019Agrupaci\u00f3 Socialista d&#8217;Algaida.<\/a><\/h3>\n\t\t\t<\/header>\n\t\t<\/div>\n\t\t<div class=\"post-content\">\n\t\t\t<a href=\"https:\/\/www.psib-psoe.org\/mallorca\/joan-janer-elegit-nou-secretari-general-de-lagrupacio-socialista-dalgaida\/\" class=\"more-link\">Read More<\/a>\n\t\t<\/div>\n\t\t\t<aside class=\"post-bottom-meta hide\">\n\t\t<strong rel=\"author\" itemprop=\"author\" class=\"author vcard\"><span class=\"fn\">Albert<\/span><\/strong>\n\t\t<time class=\"date published time\" datetime=\"2025-06-18T12:14:59+02:00\" itemprop=\"datePublished\" content=\"2025-06-18T12:14:59+02:00\">18\/06\/2025<\/time>\n\t\t<meta itemprop=\"dateModified\" class=\"date updated\" content=\"2025-06-18T12:16:25+02:00\">\n\t\t<span class=\"hide\" itemprop=\"publisher\" itemscope itemtype=\"https:\/\/schema.org\/Organization\">\n\t\t\t<meta itemprop=\"name\" content=\"SocialistesdMca\">\n\t\t\t<span itemprop=\"logo\" itemscope itemtype=\"https:\/\/schema.org\/ImageObject\">\n\t\t\t\t<meta itemprop=\"url\" content=\"https:\/\/www.psib-psoe.org\/mallorca\/wp-content\/themes\/notio-wp\/assets\/img\/logo.png\">\n\t\t\t<\/span>\n\t\t\t<meta itemprop=\"url\" content=\"https:\/\/www.psib-psoe.org\/mallorca\/\">\n\t\t<\/span>\n\t\t\t\t<span class=\"hide\" itemprop=\"image\" itemscope itemtype=\"http:\/\/schema.org\/ImageObject\">\n\t\t\t<meta itemprop=\"url\" content=\"https:\/\/www.psib-psoe.org\/mallorca\/wp-content\/uploads\/Assemblea-Algaida-juny-25.jpg\">\n\t\t\t<meta itemprop=\"width\" content=\"2048\">\n\t\t\t<meta itemprop=\"height\" content=\"1536\">\n\t\t<\/span>\n\t\t\t\t<meta itemscope itemprop=\"mainEntityOfPage\" itemtype=\"https:\/\/schema.org\/WebPage\" itemid=\"https:\/\/www.psib-psoe.org\/mallorca\/joan-janer-elegit-nou-secretari-general-de-lagrupacio-socialista-dalgaida\/\">\n\t<\/aside>\n\t\t<\/article>\n<\/div>\n<div class=\"small-12 large-4 columns\">\n\t<article itemscope itemtype=\"http:\/\/schema.org\/Article\" class=\"post blog-style7 alt post-29909 type-post status-publish format-standard has-post-thumbnail hentry category-federacio-de-mallorca tag-federacio-socialista-de-mallorca\" role=\"article\">\n\t\t<figure class=\"post-gallery\"><img loading=\"lazy\" decoding=\"async\" width=\"600\" height=\"400\" src=\"https:\/\/www.psib-psoe.org\/mallorca\/wp-content\/uploads\/WhatsApp-Image-2025-06-14-at-14.19.18-1000x666-1-600x400.jpeg\" class=\"attachment-notio-general-x2 size-notio-general-x2 wp-post-image\" alt=\"\" srcset=\"https:\/\/www.psib-psoe.org\/mallorca\/wp-content\/uploads\/WhatsApp-Image-2025-06-14-at-14.19.18-1000x666-1-600x400.jpeg 600w, https:\/\/www.psib-psoe.org\/mallorca\/wp-content\/uploads\/WhatsApp-Image-2025-06-14-at-14.19.18-1000x666-1-300x200.jpeg 300w, https:\/\/www.psib-psoe.org\/mallorca\/wp-content\/uploads\/WhatsApp-Image-2025-06-14-at-14.19.18-1000x666-1-768x511.jpeg 768w, https:\/\/www.psib-psoe.org\/mallorca\/wp-content\/uploads\/WhatsApp-Image-2025-06-14-at-14.19.18-1000x666-1-150x100.jpeg 150w, https:\/\/www.psib-psoe.org\/mallorca\/wp-content\/uploads\/WhatsApp-Image-2025-06-14-at-14.19.18-1000x666-1-900x600.jpeg 900w, https:\/\/www.psib-psoe.org\/mallorca\/wp-content\/uploads\/WhatsApp-Image-2025-06-14-at-14.19.18-1000x666-1-20x13.jpeg 20w, https:\/\/www.psib-psoe.org\/mallorca\/wp-content\/uploads\/WhatsApp-Image-2025-06-14-at-14.19.18-1000x666-1.jpeg 1000w\" sizes=\"(max-width: 600px) 100vw, 600px\" \/><\/figure>\n\t\t<div class=\"blog-top\">\n\t\t\t<header class=\"post-title entry-header\">\n\t\t\t\t<aside class=\"post-meta cf\">\n\t\t14\/06\/2025 \/ <a href=\"https:\/\/www.psib-psoe.org\/mallorca\/category\/federacio-de-mallorca\/\" rel=\"category tag\">Federaci\u00f3 de Mallorca<\/a><\/aside>\n\t\t\t\t<h3 itemprop=\"headline\"><a href=\"https:\/\/www.psib-psoe.org\/mallorca\/amanda-fernandez-ni-abalos-ni-koldo-ni-cerdan-poden-embrutar-ni-entelar-la-feinada-que-fa-cada-socialista-ells-no-son-el-psoe-nosaltres-si-que-som-el-partit-socialista-obrer-espanyol\/\" title=\"Amanda Fern\u00e1ndez: \u201cNi \u00c1balos, ni Koldo, ni Cerd\u00e1n poden embrutar ni entelar la feinada que fa cada socialista; ells no s\u00f3n el PSOE, nosaltres s\u00ed que som el Partit Socialista Obrer Espanyol\u201d\">Amanda Fern\u00e1ndez: \u201cNi \u00c1balos, ni Koldo, ni Cerd\u00e1n poden embrutar ni entelar la feinada que fa cada socialista; ells no s\u00f3n el PSOE, nosaltres s\u00ed que som el Partit Socialista Obrer Espanyol\u201d<\/a><\/h3>\n\t\t\t<\/header>\n\t\t<\/div>\n\t\t<div class=\"post-content\">\n\t\t\t<a href=\"https:\/\/www.psib-psoe.org\/mallorca\/amanda-fernandez-ni-abalos-ni-koldo-ni-cerdan-poden-embrutar-ni-entelar-la-feinada-que-fa-cada-socialista-ells-no-son-el-psoe-nosaltres-si-que-som-el-partit-socialista-obrer-espanyol\/\" class=\"more-link\">Read More<\/a>\n\t\t<\/div>\n\t\t\t<aside class=\"post-bottom-meta hide\">\n\t\t<strong rel=\"author\" itemprop=\"author\" class=\"author vcard\"><span class=\"fn\">adminpsib<\/span><\/strong>\n\t\t<time class=\"date published time\" datetime=\"2025-06-14T14:25:57+02:00\" itemprop=\"datePublished\" content=\"2025-06-14T14:25:57+02:00\">14\/06\/2025<\/time>\n\t\t<meta itemprop=\"dateModified\" class=\"date updated\" content=\"2025-06-14T14:25:57+02:00\">\n\t\t<span class=\"hide\" itemprop=\"publisher\" itemscope itemtype=\"https:\/\/schema.org\/Organization\">\n\t\t\t<meta itemprop=\"name\" content=\"SocialistesdMca\">\n\t\t\t<span itemprop=\"logo\" itemscope itemtype=\"https:\/\/schema.org\/ImageObject\">\n\t\t\t\t<meta itemprop=\"url\" content=\"https:\/\/www.psib-psoe.org\/mallorca\/wp-content\/themes\/notio-wp\/assets\/img\/logo.png\">\n\t\t\t<\/span>\n\t\t\t<meta itemprop=\"url\" content=\"https:\/\/www.psib-psoe.org\/mallorca\/\">\n\t\t<\/span>\n\t\t\t\t<span class=\"hide\" itemprop=\"image\" itemscope itemtype=\"http:\/\/schema.org\/ImageObject\">\n\t\t\t<meta itemprop=\"url\" content=\"https:\/\/www.psib-psoe.org\/mallorca\/wp-content\/uploads\/WhatsApp-Image-2025-06-14-at-14.19.18-1000x666-1.jpeg\">\n\t\t\t<meta itemprop=\"width\" content=\"1000\">\n\t\t\t<meta itemprop=\"height\" content=\"666\">\n\t\t<\/span>\n\t\t\t\t<meta itemscope itemprop=\"mainEntityOfPage\" itemtype=\"https:\/\/schema.org\/WebPage\" itemid=\"https:\/\/www.psib-psoe.org\/mallorca\/amanda-fernandez-ni-abalos-ni-koldo-ni-cerdan-poden-embrutar-ni-entelar-la-feinada-que-fa-cada-socialista-ells-no-son-el-psoe-nosaltres-si-que-som-el-partit-socialista-obrer-espanyol\/\">\n\t<\/aside>\n\t\t<\/article>\n<\/div>\n<div class=\"small-12 large-4 columns\">\n\t<article itemscope itemtype=\"http:\/\/schema.org\/Article\" class=\"post blog-style7 alt post-29905 type-post status-publish format-standard has-post-thumbnail hentry category-consell-de-mallorca category-federacio-de-mallorca category-federacio-de-mallorca-portada category-portada tag-amanda-fernandez tag-andreu-serra tag-bea-gamundi tag-catalina-cladera tag-consell-de-mallorca tag-federacio-socialista-de-mallorca tag-javier-de-juan tag-joan-ferrer tag-juana-m-adrover tag-maria-antonia-truyols tag-sofia-alonso\" role=\"article\">\n\t\t<figure class=\"post-gallery\"><img loading=\"lazy\" decoding=\"async\" width=\"600\" height=\"400\" src=\"https:\/\/www.psib-psoe.org\/mallorca\/wp-content\/uploads\/Reunio-LLei-mobilitat2-600x400.jpg\" class=\"attachment-notio-general-x2 size-notio-general-x2 wp-post-image\" alt=\"\" srcset=\"https:\/\/www.psib-psoe.org\/mallorca\/wp-content\/uploads\/Reunio-LLei-mobilitat2-600x400.jpg 600w, https:\/\/www.psib-psoe.org\/mallorca\/wp-content\/uploads\/Reunio-LLei-mobilitat2-300x200.jpg 300w, https:\/\/www.psib-psoe.org\/mallorca\/wp-content\/uploads\/Reunio-LLei-mobilitat2-900x600.jpg 900w, https:\/\/www.psib-psoe.org\/mallorca\/wp-content\/uploads\/Reunio-LLei-mobilitat2-20x13.jpg 20w\" sizes=\"(max-width: 600px) 100vw, 600px\" \/><\/figure>\n\t\t<div class=\"blog-top\">\n\t\t\t<header class=\"post-title entry-header\">\n\t\t\t\t<aside class=\"post-meta cf\">\n\t\t13\/06\/2025 \/ <a href=\"https:\/\/www.psib-psoe.org\/mallorca\/category\/consell-de-mallorca\/\" rel=\"category tag\">Consell de Mallorca<\/a>, <a href=\"https:\/\/www.psib-psoe.org\/mallorca\/category\/federacio-de-mallorca\/\" rel=\"category tag\">Federaci\u00f3 de Mallorca<\/a>, <a href=\"https:\/\/www.psib-psoe.org\/mallorca\/category\/federacio-de-mallorca-portada\/\" rel=\"category tag\">Federaci\u00f3 de Mallorca - Portada<\/a>, <a href=\"https:\/\/www.psib-psoe.org\/mallorca\/category\/portada\/\" rel=\"category tag\">Portada<\/a><\/aside>\n\t\t\t\t<h3 itemprop=\"headline\"><a href=\"https:\/\/www.psib-psoe.org\/mallorca\/el-grup-socialista-expressa-dubtes-en-laplicacio-efectiva-de-la-llei-de-mobilitat-que-prepara-el-consell-coneguda-avui\/\" title=\"El Grup Socialista expressa dubtes en l\u2019aplicaci\u00f3 efectiva de la Llei de Mobilitat que prepara el Consell, coneguda avui.\u00a0\">El Grup Socialista expressa dubtes en l\u2019aplicaci\u00f3 efectiva de la Llei de Mobilitat que prepara el Consell, coneguda avui.\u00a0<\/a><\/h3>\n\t\t\t<\/header>\n\t\t<\/div>\n\t\t<div class=\"post-content\">\n\t\t\t<a href=\"https:\/\/www.psib-psoe.org\/mallorca\/el-grup-socialista-expressa-dubtes-en-laplicacio-efectiva-de-la-llei-de-mobilitat-que-prepara-el-consell-coneguda-avui\/\" class=\"more-link\">Read More<\/a>\n\t\t<\/div>\n\t\t\t<aside class=\"post-bottom-meta hide\">\n\t\t<strong rel=\"author\" itemprop=\"author\" class=\"author vcard\"><span class=\"fn\">Albert<\/span><\/strong>\n\t\t<time class=\"date published time\" datetime=\"2025-06-13T14:01:50+02:00\" itemprop=\"datePublished\" content=\"2025-06-13T14:01:50+02:00\">13\/06\/2025<\/time>\n\t\t<meta itemprop=\"dateModified\" class=\"date updated\" content=\"2025-06-13T14:01:53+02:00\">\n\t\t<span class=\"hide\" itemprop=\"publisher\" itemscope itemtype=\"https:\/\/schema.org\/Organization\">\n\t\t\t<meta itemprop=\"name\" content=\"SocialistesdMca\">\n\t\t\t<span itemprop=\"logo\" itemscope itemtype=\"https:\/\/schema.org\/ImageObject\">\n\t\t\t\t<meta itemprop=\"url\" content=\"https:\/\/www.psib-psoe.org\/mallorca\/wp-content\/themes\/notio-wp\/assets\/img\/logo.png\">\n\t\t\t<\/span>\n\t\t\t<meta itemprop=\"url\" content=\"https:\/\/www.psib-psoe.org\/mallorca\/\">\n\t\t<\/span>\n\t\t\t\t<span class=\"hide\" itemprop=\"image\" itemscope itemtype=\"http:\/\/schema.org\/ImageObject\">\n\t\t\t<meta itemprop=\"url\" content=\"https:\/\/www.psib-psoe.org\/mallorca\/wp-content\/uploads\/Reunio-LLei-mobilitat2.jpg\">\n\t\t\t<meta itemprop=\"width\" content=\"1536\">\n\t\t\t<meta itemprop=\"height\" content=\"2048\">\n\t\t<\/span>\n\t\t\t\t<meta itemscope itemprop=\"mainEntityOfPage\" itemtype=\"https:\/\/schema.org\/WebPage\" itemid=\"https:\/\/www.psib-psoe.org\/mallorca\/el-grup-socialista-expressa-dubtes-en-laplicacio-efectiva-de-la-llei-de-mobilitat-que-prepara-el-consell-coneguda-avui\/\">\n\t<\/aside>\n\t\t<\/article>\n<\/div>\n<div class=\"small-12 large-4 columns\">\n\t<article itemscope itemtype=\"http:\/\/schema.org\/Article\" class=\"post blog-style7 alt post-29902 type-post status-publish format-standard has-post-thumbnail hentry category-consell-de-mallorca category-federacio-de-mallorca category-federacio-de-mallorca-portada category-portada tag-amanda-fernandez tag-andreu-serra tag-bea-gamundi tag-catalina-cladera tag-consell-de-mallorca tag-federacio-socialista-de-mallorca tag-javier-de-juan tag-joan-ferrer tag-juana-m-adrover tag-maria-antonia-truyols tag-sofia-alonso\" role=\"article\">\n\t\t<figure class=\"post-gallery\"><img loading=\"lazy\" decoding=\"async\" width=\"600\" height=\"400\" src=\"https:\/\/www.psib-psoe.org\/mallorca\/wp-content\/uploads\/Ple-juny-amb-pancarta-600x400.jpeg\" class=\"attachment-notio-general-x2 size-notio-general-x2 wp-post-image\" alt=\"\" srcset=\"https:\/\/www.psib-psoe.org\/mallorca\/wp-content\/uploads\/Ple-juny-amb-pancarta-600x400.jpeg 600w, https:\/\/www.psib-psoe.org\/mallorca\/wp-content\/uploads\/Ple-juny-amb-pancarta-300x200.jpeg 300w, https:\/\/www.psib-psoe.org\/mallorca\/wp-content\/uploads\/Ple-juny-amb-pancarta-900x600.jpeg 900w, https:\/\/www.psib-psoe.org\/mallorca\/wp-content\/uploads\/Ple-juny-amb-pancarta-20x13.jpeg 20w\" sizes=\"(max-width: 600px) 100vw, 600px\" \/><\/figure>\n\t\t<div class=\"blog-top\">\n\t\t\t<header class=\"post-title entry-header\">\n\t\t\t\t<aside class=\"post-meta cf\">\n\t\t12\/06\/2025 \/ <a href=\"https:\/\/www.psib-psoe.org\/mallorca\/category\/consell-de-mallorca\/\" rel=\"category tag\">Consell de Mallorca<\/a>, <a href=\"https:\/\/www.psib-psoe.org\/mallorca\/category\/federacio-de-mallorca\/\" rel=\"category tag\">Federaci\u00f3 de Mallorca<\/a>, <a href=\"https:\/\/www.psib-psoe.org\/mallorca\/category\/federacio-de-mallorca-portada\/\" rel=\"category tag\">Federaci\u00f3 de Mallorca - Portada<\/a>, <a href=\"https:\/\/www.psib-psoe.org\/mallorca\/category\/portada\/\" rel=\"category tag\">Portada<\/a><\/aside>\n\t\t\t\t<h3 itemprop=\"headline\"><a href=\"https:\/\/www.psib-psoe.org\/mallorca\/el-consell-de-mallorca-insta-al-govern-a-posar-en-marxa-un-pla-urgent-per-fer-front-la-saturacio-a-mallorca-amb-el-reforc-de-les-linies-del-tib-amb-mes-demanda\/\" title=\"El Consell de Mallorca insta al Govern a posar en marxa un pla urgent per fer front la saturaci\u00f3 a Mallorca, amb el refor\u00e7 de les l\u00ednies del TIB amb m\u00e9s demanda.\">El Consell de Mallorca insta al Govern a posar en marxa un pla urgent per fer front la saturaci\u00f3 a Mallorca, amb el refor\u00e7 de les l\u00ednies del TIB amb m\u00e9s demanda.<\/a><\/h3>\n\t\t\t<\/header>\n\t\t<\/div>\n\t\t<div class=\"post-content\">\n\t\t\t<a href=\"https:\/\/www.psib-psoe.org\/mallorca\/el-consell-de-mallorca-insta-al-govern-a-posar-en-marxa-un-pla-urgent-per-fer-front-la-saturacio-a-mallorca-amb-el-reforc-de-les-linies-del-tib-amb-mes-demanda\/\" class=\"more-link\">Read More<\/a>\n\t\t<\/div>\n\t\t\t<aside class=\"post-bottom-meta hide\">\n\t\t<strong rel=\"author\" itemprop=\"author\" class=\"author vcard\"><span class=\"fn\">Albert<\/span><\/strong>\n\t\t<time class=\"date published time\" datetime=\"2025-06-12T19:00:48+02:00\" itemprop=\"datePublished\" content=\"2025-06-12T19:00:48+02:00\">12\/06\/2025<\/time>\n\t\t<meta itemprop=\"dateModified\" class=\"date updated\" content=\"2025-06-12T19:01:00+02:00\">\n\t\t<span class=\"hide\" itemprop=\"publisher\" itemscope itemtype=\"https:\/\/schema.org\/Organization\">\n\t\t\t<meta itemprop=\"name\" content=\"SocialistesdMca\">\n\t\t\t<span itemprop=\"logo\" itemscope itemtype=\"https:\/\/schema.org\/ImageObject\">\n\t\t\t\t<meta itemprop=\"url\" content=\"https:\/\/www.psib-psoe.org\/mallorca\/wp-content\/themes\/notio-wp\/assets\/img\/logo.png\">\n\t\t\t<\/span>\n\t\t\t<meta itemprop=\"url\" content=\"https:\/\/www.psib-psoe.org\/mallorca\/\">\n\t\t<\/span>\n\t\t\t\t<span class=\"hide\" itemprop=\"image\" itemscope itemtype=\"http:\/\/schema.org\/ImageObject\">\n\t\t\t<meta itemprop=\"url\" content=\"https:\/\/www.psib-psoe.org\/mallorca\/wp-content\/uploads\/Ple-juny-amb-pancarta-scaled.jpeg\">\n\t\t\t<meta itemprop=\"width\" content=\"2560\">\n\t\t\t<meta itemprop=\"height\" content=\"1920\">\n\t\t<\/span>\n\t\t\t\t<meta itemscope itemprop=\"mainEntityOfPage\" itemtype=\"https:\/\/schema.org\/WebPage\" itemid=\"https:\/\/www.psib-psoe.org\/mallorca\/el-consell-de-mallorca-insta-al-govern-a-posar-en-marxa-un-pla-urgent-per-fer-front-la-saturacio-a-mallorca-amb-el-reforc-de-les-linies-del-tib-amb-mes-demanda\/\">\n\t<\/aside>\n\t\t<\/article>\n<\/div>\n<div class=\"small-12 large-4 columns\">\n\t<article itemscope itemtype=\"http:\/\/schema.org\/Article\" class=\"post blog-style7 alt post-29898 type-post status-publish format-standard has-post-thumbnail hentry category-consell-de-mallorca category-federacio-de-mallorca category-federacio-de-mallorca-portada category-portada tag-amanda-fernandez tag-andreu-serra tag-bea-gamundi tag-catalina-cladera tag-consell-de-mallorca tag-federacio-socialista-de-mallorca tag-javier-de-juan tag-joan-ferrer tag-juana-m-adrover tag-maria-antonia-truyols tag-sofia-alonso\" role=\"article\">\n\t\t<figure class=\"post-gallery\"><img loading=\"lazy\" decoding=\"async\" width=\"600\" height=\"400\" src=\"https:\/\/www.psib-psoe.org\/mallorca\/wp-content\/uploads\/Foto-grup-2-600x400.jpeg\" class=\"attachment-notio-general-x2 size-notio-general-x2 wp-post-image\" alt=\"\" srcset=\"https:\/\/www.psib-psoe.org\/mallorca\/wp-content\/uploads\/Foto-grup-2-600x400.jpeg 600w, https:\/\/www.psib-psoe.org\/mallorca\/wp-content\/uploads\/Foto-grup-2-300x200.jpeg 300w, https:\/\/www.psib-psoe.org\/mallorca\/wp-content\/uploads\/Foto-grup-2-900x600.jpeg 900w, https:\/\/www.psib-psoe.org\/mallorca\/wp-content\/uploads\/Foto-grup-2-20x13.jpeg 20w\" sizes=\"(max-width: 600px) 100vw, 600px\" \/><\/figure>\n\t\t<div class=\"blog-top\">\n\t\t\t<header class=\"post-title entry-header\">\n\t\t\t\t<aside class=\"post-meta cf\">\n\t\t12\/06\/2025 \/ <a href=\"https:\/\/www.psib-psoe.org\/mallorca\/category\/consell-de-mallorca\/\" rel=\"category tag\">Consell de Mallorca<\/a>, <a href=\"https:\/\/www.psib-psoe.org\/mallorca\/category\/federacio-de-mallorca\/\" rel=\"category tag\">Federaci\u00f3 de Mallorca<\/a>, <a href=\"https:\/\/www.psib-psoe.org\/mallorca\/category\/federacio-de-mallorca-portada\/\" rel=\"category tag\">Federaci\u00f3 de Mallorca - Portada<\/a>, <a href=\"https:\/\/www.psib-psoe.org\/mallorca\/category\/portada\/\" rel=\"category tag\">Portada<\/a><\/aside>\n\t\t\t\t<h3 itemprop=\"headline\"><a href=\"https:\/\/www.psib-psoe.org\/mallorca\/el-ple-del-consell-agraeix-la-feina-de-la-consellera-electa-maria-antonia-truyols\/\" title=\"El ple del Consell agraeix la feina de la consellera electa Maria Ant\u00f2nia Truyols.\">El ple del Consell agraeix la feina de la consellera electa Maria Ant\u00f2nia Truyols.<\/a><\/h3>\n\t\t\t<\/header>\n\t\t<\/div>\n\t\t<div class=\"post-content\">\n\t\t\t<a href=\"https:\/\/www.psib-psoe.org\/mallorca\/el-ple-del-consell-agraeix-la-feina-de-la-consellera-electa-maria-antonia-truyols\/\" class=\"more-link\">Read More<\/a>\n\t\t<\/div>\n\t\t\t<aside class=\"post-bottom-meta hide\">\n\t\t<strong rel=\"author\" itemprop=\"author\" class=\"author vcard\"><span class=\"fn\">Albert<\/span><\/strong>\n\t\t<time class=\"date published time\" datetime=\"2025-06-12T10:56:15+02:00\" itemprop=\"datePublished\" content=\"2025-06-12T10:56:15+02:00\">12\/06\/2025<\/time>\n\t\t<meta itemprop=\"dateModified\" class=\"date updated\" content=\"2025-06-12T10:56:26+02:00\">\n\t\t<span class=\"hide\" itemprop=\"publisher\" itemscope itemtype=\"https:\/\/schema.org\/Organization\">\n\t\t\t<meta itemprop=\"name\" content=\"SocialistesdMca\">\n\t\t\t<span itemprop=\"logo\" itemscope itemtype=\"https:\/\/schema.org\/ImageObject\">\n\t\t\t\t<meta itemprop=\"url\" content=\"https:\/\/www.psib-psoe.org\/mallorca\/wp-content\/themes\/notio-wp\/assets\/img\/logo.png\">\n\t\t\t<\/span>\n\t\t\t<meta itemprop=\"url\" content=\"https:\/\/www.psib-psoe.org\/mallorca\/\">\n\t\t<\/span>\n\t\t\t\t<span class=\"hide\" itemprop=\"image\" itemscope itemtype=\"http:\/\/schema.org\/ImageObject\">\n\t\t\t<meta itemprop=\"url\" content=\"https:\/\/www.psib-psoe.org\/mallorca\/wp-content\/uploads\/Foto-grup-2-scaled.jpeg\">\n\t\t\t<meta itemprop=\"width\" content=\"2560\">\n\t\t\t<meta itemprop=\"height\" content=\"1920\">\n\t\t<\/span>\n\t\t\t\t<meta itemscope itemprop=\"mainEntityOfPage\" itemtype=\"https:\/\/schema.org\/WebPage\" itemid=\"https:\/\/www.psib-psoe.org\/mallorca\/el-ple-del-consell-agraeix-la-feina-de-la-consellera-electa-maria-antonia-truyols\/\">\n\t<\/aside>\n\t\t<\/article>\n<\/div>\n<div class=\"small-12 large-4 columns\">\n\t<article itemscope itemtype=\"http:\/\/schema.org\/Article\" class=\"post blog-style7 alt post-29893 type-post status-publish format-standard has-post-thumbnail hentry category-consell-de-mallorca category-federacio-de-mallorca category-federacio-de-mallorca-portada category-portada tag-amanda-fernandez tag-andreu-serra tag-bea-gamundi tag-catalina-cladera tag-consell-de-mallorca tag-federacio-socialista-de-mallorca tag-javier-de-juan tag-joan-ferrer tag-juana-m-adrover tag-sofia-alonso\" role=\"article\">\n\t\t<figure class=\"post-gallery\"><img loading=\"lazy\" decoding=\"async\" width=\"600\" height=\"400\" src=\"https:\/\/www.psib-psoe.org\/mallorca\/wp-content\/uploads\/Cati-rdp-110625-600x400.jpeg\" class=\"attachment-notio-general-x2 size-notio-general-x2 wp-post-image\" alt=\"\" srcset=\"https:\/\/www.psib-psoe.org\/mallorca\/wp-content\/uploads\/Cati-rdp-110625-600x400.jpeg 600w, https:\/\/www.psib-psoe.org\/mallorca\/wp-content\/uploads\/Cati-rdp-110625-300x200.jpeg 300w, https:\/\/www.psib-psoe.org\/mallorca\/wp-content\/uploads\/Cati-rdp-110625-900x600.jpeg 900w, https:\/\/www.psib-psoe.org\/mallorca\/wp-content\/uploads\/Cati-rdp-110625-20x13.jpeg 20w\" sizes=\"(max-width: 600px) 100vw, 600px\" \/><\/figure>\n\t\t<div class=\"blog-top\">\n\t\t\t<header class=\"post-title entry-header\">\n\t\t\t\t<aside class=\"post-meta cf\">\n\t\t11\/06\/2025 \/ <a href=\"https:\/\/www.psib-psoe.org\/mallorca\/category\/consell-de-mallorca\/\" rel=\"category tag\">Consell de Mallorca<\/a>, <a href=\"https:\/\/www.psib-psoe.org\/mallorca\/category\/federacio-de-mallorca\/\" rel=\"category tag\">Federaci\u00f3 de Mallorca<\/a>, <a href=\"https:\/\/www.psib-psoe.org\/mallorca\/category\/federacio-de-mallorca-portada\/\" rel=\"category tag\">Federaci\u00f3 de Mallorca - Portada<\/a>, <a href=\"https:\/\/www.psib-psoe.org\/mallorca\/category\/portada\/\" rel=\"category tag\">Portada<\/a><\/aside>\n\t\t\t\t<h3 itemprop=\"headline\"><a href=\"https:\/\/www.psib-psoe.org\/mallorca\/els-socialistes-de-mallorca-reclamen-que-la-llei-de-mobilitat-sostenible-abordi-els-problemes-reals-de-la-ciutadania-i-no-siguin-nomes-mesures-cosmetiques-per-limitar-lentra\/\" title=\"Els Socialistes de Mallorca reclamen que la Llei de Mobilitat Sostenible abordi els problemes reals de la ciutadania i no siguin nom\u00e9s \u201cmesures cosm\u00e8tiques\u201d per limitar l\u2019entrada de vehicles a l\u2019illa.\">Els Socialistes de Mallorca reclamen que la Llei de Mobilitat Sostenible abordi els problemes reals de la ciutadania i no siguin nom\u00e9s \u201cmesures cosm\u00e8tiques\u201d per limitar l\u2019entrada de vehicles a l\u2019illa.<\/a><\/h3>\n\t\t\t<\/header>\n\t\t<\/div>\n\t\t<div class=\"post-content\">\n\t\t\t<a href=\"https:\/\/www.psib-psoe.org\/mallorca\/els-socialistes-de-mallorca-reclamen-que-la-llei-de-mobilitat-sostenible-abordi-els-problemes-reals-de-la-ciutadania-i-no-siguin-nomes-mesures-cosmetiques-per-limitar-lentra\/\" class=\"more-link\">Read More<\/a>\n\t\t<\/div>\n\t\t\t<aside class=\"post-bottom-meta hide\">\n\t\t<strong rel=\"author\" itemprop=\"author\" class=\"author vcard\"><span class=\"fn\">Albert<\/span><\/strong>\n\t\t<time class=\"date published time\" datetime=\"2025-06-11T13:57:07+02:00\" itemprop=\"datePublished\" content=\"2025-06-11T13:57:07+02:00\">11\/06\/2025<\/time>\n\t\t<meta itemprop=\"dateModified\" class=\"date updated\" content=\"2025-06-11T13:57:19+02:00\">\n\t\t<span class=\"hide\" itemprop=\"publisher\" itemscope itemtype=\"https:\/\/schema.org\/Organization\">\n\t\t\t<meta itemprop=\"name\" content=\"SocialistesdMca\">\n\t\t\t<span itemprop=\"logo\" itemscope itemtype=\"https:\/\/schema.org\/ImageObject\">\n\t\t\t\t<meta itemprop=\"url\" content=\"https:\/\/www.psib-psoe.org\/mallorca\/wp-content\/themes\/notio-wp\/assets\/img\/logo.png\">\n\t\t\t<\/span>\n\t\t\t<meta itemprop=\"url\" content=\"https:\/\/www.psib-psoe.org\/mallorca\/\">\n\t\t<\/span>\n\t\t\t\t<span class=\"hide\" itemprop=\"image\" itemscope itemtype=\"http:\/\/schema.org\/ImageObject\">\n\t\t\t<meta itemprop=\"url\" content=\"https:\/\/www.psib-psoe.org\/mallorca\/wp-content\/uploads\/Cati-rdp-110625-scaled.jpeg\">\n\t\t\t<meta itemprop=\"width\" content=\"2560\">\n\t\t\t<meta itemprop=\"height\" content=\"1920\">\n\t\t<\/span>\n\t\t\t\t<meta itemscope itemprop=\"mainEntityOfPage\" itemtype=\"https:\/\/schema.org\/WebPage\" itemid=\"https:\/\/www.psib-psoe.org\/mallorca\/els-socialistes-de-mallorca-reclamen-que-la-llei-de-mobilitat-sostenible-abordi-els-problemes-reals-de-la-ciutadania-i-no-siguin-nomes-mesures-cosmetiques-per-limitar-lentra\/\">\n\t<\/aside>\n\t\t<\/article>\n<\/div>\n<div class=\"small-12 large-4 columns\">\n\t<article itemscope itemtype=\"http:\/\/schema.org\/Article\" class=\"post blog-style7 alt post-29889 type-post status-publish format-standard has-post-thumbnail hentry category-federacio-de-mallorca category-federacio-de-mallorca-portada category-municipis category-portada tag-alaro tag-amanda-fernandez tag-andreu-vidal tag-federacio-socialista-de-mallorca tag-javier-de-juan\" role=\"article\">\n\t\t<figure class=\"post-gallery\"><img loading=\"lazy\" decoding=\"async\" width=\"600\" height=\"400\" src=\"https:\/\/www.psib-psoe.org\/mallorca\/wp-content\/uploads\/110625_Foto-grup-Castell-Alaro-600x400.jpeg\" class=\"attachment-notio-general-x2 size-notio-general-x2 wp-post-image\" alt=\"\" srcset=\"https:\/\/www.psib-psoe.org\/mallorca\/wp-content\/uploads\/110625_Foto-grup-Castell-Alaro-600x400.jpeg 600w, https:\/\/www.psib-psoe.org\/mallorca\/wp-content\/uploads\/110625_Foto-grup-Castell-Alaro-300x200.jpeg 300w, https:\/\/www.psib-psoe.org\/mallorca\/wp-content\/uploads\/110625_Foto-grup-Castell-Alaro-900x600.jpeg 900w, https:\/\/www.psib-psoe.org\/mallorca\/wp-content\/uploads\/110625_Foto-grup-Castell-Alaro-20x13.jpeg 20w\" sizes=\"(max-width: 600px) 100vw, 600px\" \/><\/figure>\n\t\t<div class=\"blog-top\">\n\t\t\t<header class=\"post-title entry-header\">\n\t\t\t\t<aside class=\"post-meta cf\">\n\t\t11\/06\/2025 \/ <a href=\"https:\/\/www.psib-psoe.org\/mallorca\/category\/federacio-de-mallorca\/\" rel=\"category tag\">Federaci\u00f3 de Mallorca<\/a>, <a href=\"https:\/\/www.psib-psoe.org\/mallorca\/category\/federacio-de-mallorca-portada\/\" rel=\"category tag\">Federaci\u00f3 de Mallorca - Portada<\/a>, <a href=\"https:\/\/www.psib-psoe.org\/mallorca\/category\/municipis\/\" rel=\"category tag\">Municipis<\/a>, <a href=\"https:\/\/www.psib-psoe.org\/mallorca\/category\/portada\/\" rel=\"category tag\">Portada<\/a><\/aside>\n\t\t\t\t<h3 itemprop=\"headline\"><a href=\"https:\/\/www.psib-psoe.org\/mallorca\/una-delegacio-socialista-es-reuneix-amb-el-secretari-destat-de-cultura-per-parlar-del-castell-dalaro\/\" title=\"Una delegaci\u00f3 socialista es reuneix amb el secretari d\u2019Estat de cultura per parlar del Castell d\u2019Alar\u00f3\">Una delegaci\u00f3 socialista es reuneix amb el secretari d\u2019Estat de cultura per parlar del Castell d\u2019Alar\u00f3<\/a><\/h3>\n\t\t\t<\/header>\n\t\t<\/div>\n\t\t<div class=\"post-content\">\n\t\t\t<a href=\"https:\/\/www.psib-psoe.org\/mallorca\/una-delegacio-socialista-es-reuneix-amb-el-secretari-destat-de-cultura-per-parlar-del-castell-dalaro\/\" class=\"more-link\">Read More<\/a>\n\t\t<\/div>\n\t\t\t<aside class=\"post-bottom-meta hide\">\n\t\t<strong rel=\"author\" itemprop=\"author\" class=\"author vcard\"><span class=\"fn\">Marc<\/span><\/strong>\n\t\t<time class=\"date published time\" datetime=\"2025-06-11T12:27:26+02:00\" itemprop=\"datePublished\" content=\"2025-06-11T12:27:26+02:00\">11\/06\/2025<\/time>\n\t\t<meta itemprop=\"dateModified\" class=\"date updated\" content=\"2025-06-11T12:29:16+02:00\">\n\t\t<span class=\"hide\" itemprop=\"publisher\" itemscope itemtype=\"https:\/\/schema.org\/Organization\">\n\t\t\t<meta itemprop=\"name\" content=\"SocialistesdMca\">\n\t\t\t<span itemprop=\"logo\" itemscope itemtype=\"https:\/\/schema.org\/ImageObject\">\n\t\t\t\t<meta itemprop=\"url\" content=\"https:\/\/www.psib-psoe.org\/mallorca\/wp-content\/themes\/notio-wp\/assets\/img\/logo.png\">\n\t\t\t<\/span>\n\t\t\t<meta itemprop=\"url\" content=\"https:\/\/www.psib-psoe.org\/mallorca\/\">\n\t\t<\/span>\n\t\t\t\t<span class=\"hide\" itemprop=\"image\" itemscope itemtype=\"http:\/\/schema.org\/ImageObject\">\n\t\t\t<meta itemprop=\"url\" content=\"https:\/\/www.psib-psoe.org\/mallorca\/wp-content\/uploads\/110625_Foto-grup-Castell-Alaro.jpeg\">\n\t\t\t<meta itemprop=\"width\" content=\"1536\">\n\t\t\t<meta itemprop=\"height\" content=\"2048\">\n\t\t<\/span>\n\t\t\t\t<meta itemscope itemprop=\"mainEntityOfPage\" itemtype=\"https:\/\/schema.org\/WebPage\" itemid=\"https:\/\/www.psib-psoe.org\/mallorca\/una-delegacio-socialista-es-reuneix-amb-el-secretari-destat-de-cultura-per-parlar-del-castell-dalaro\/\">\n\t<\/aside>\n\t\t<\/article>\n<\/div>\n<div class=\"small-12 large-4 columns\">\n\t<article itemscope itemtype=\"http:\/\/schema.org\/Article\" class=\"post blog-style7 alt post-29883 type-post status-publish format-standard has-post-thumbnail hentry category-federacio-de-mallorca category-federacio-de-mallorca-portada category-municipis category-portada tag-agrupacio-socialista-de-felanitx tag-amanda-fernandez tag-federacio-socialista-de-mallorca tag-felanitx tag-maria-gracia-gonzalez\" role=\"article\">\n\t\t<figure class=\"post-gallery\"><img loading=\"lazy\" decoding=\"async\" width=\"600\" height=\"400\" src=\"https:\/\/www.psib-psoe.org\/mallorca\/wp-content\/uploads\/100625_Foto-Arxiu-Gracia-Gonzalez-600x400.jpg\" class=\"attachment-notio-general-x2 size-notio-general-x2 wp-post-image\" alt=\"\" srcset=\"https:\/\/www.psib-psoe.org\/mallorca\/wp-content\/uploads\/100625_Foto-Arxiu-Gracia-Gonzalez-600x400.jpg 600w, https:\/\/www.psib-psoe.org\/mallorca\/wp-content\/uploads\/100625_Foto-Arxiu-Gracia-Gonzalez-300x200.jpg 300w, https:\/\/www.psib-psoe.org\/mallorca\/wp-content\/uploads\/100625_Foto-Arxiu-Gracia-Gonzalez-1024x683.jpg 1024w, https:\/\/www.psib-psoe.org\/mallorca\/wp-content\/uploads\/100625_Foto-Arxiu-Gracia-Gonzalez-768x512.jpg 768w, https:\/\/www.psib-psoe.org\/mallorca\/wp-content\/uploads\/100625_Foto-Arxiu-Gracia-Gonzalez-1536x1024.jpg 1536w, https:\/\/www.psib-psoe.org\/mallorca\/wp-content\/uploads\/100625_Foto-Arxiu-Gracia-Gonzalez-2048x1365.jpg 2048w, https:\/\/www.psib-psoe.org\/mallorca\/wp-content\/uploads\/100625_Foto-Arxiu-Gracia-Gonzalez-150x100.jpg 150w, https:\/\/www.psib-psoe.org\/mallorca\/wp-content\/uploads\/100625_Foto-Arxiu-Gracia-Gonzalez-900x600.jpg 900w, https:\/\/www.psib-psoe.org\/mallorca\/wp-content\/uploads\/100625_Foto-Arxiu-Gracia-Gonzalez-20x13.jpg 20w\" sizes=\"(max-width: 600px) 100vw, 600px\" \/><\/figure>\n\t\t<div class=\"blog-top\">\n\t\t\t<header class=\"post-title entry-header\">\n\t\t\t\t<aside class=\"post-meta cf\">\n\t\t10\/06\/2025 \/ <a href=\"https:\/\/www.psib-psoe.org\/mallorca\/category\/federacio-de-mallorca\/\" rel=\"category tag\">Federaci\u00f3 de Mallorca<\/a>, <a href=\"https:\/\/www.psib-psoe.org\/mallorca\/category\/federacio-de-mallorca-portada\/\" rel=\"category tag\">Federaci\u00f3 de Mallorca - Portada<\/a>, <a href=\"https:\/\/www.psib-psoe.org\/mallorca\/category\/municipis\/\" rel=\"category tag\">Municipis<\/a>, <a href=\"https:\/\/www.psib-psoe.org\/mallorca\/category\/portada\/\" rel=\"category tag\">Portada<\/a><\/aside>\n\t\t\t\t<h3 itemprop=\"headline\"><a href=\"https:\/\/www.psib-psoe.org\/mallorca\/la-batlessa-de-felanitx-catalina-soler-impedeix-el-debat-sobre-la-seva-reprovacio\/\" title=\"La batlessa de Felanitx, Catalina Soler, impedeix el debat sobre la seva reprovaci\u00f3\">La batlessa de Felanitx, Catalina Soler, impedeix el debat sobre la seva reprovaci\u00f3<\/a><\/h3>\n\t\t\t<\/header>\n\t\t<\/div>\n\t\t<div class=\"post-content\">\n\t\t\t<a href=\"https:\/\/www.psib-psoe.org\/mallorca\/la-batlessa-de-felanitx-catalina-soler-impedeix-el-debat-sobre-la-seva-reprovacio\/\" class=\"more-link\">Read More<\/a>\n\t\t<\/div>\n\t\t\t<aside class=\"post-bottom-meta hide\">\n\t\t<strong rel=\"author\" itemprop=\"author\" class=\"author vcard\"><span class=\"fn\">Marc<\/span><\/strong>\n\t\t<time class=\"date published time\" datetime=\"2025-06-10T17:56:28+02:00\" itemprop=\"datePublished\" content=\"2025-06-10T17:56:28+02:00\">10\/06\/2025<\/time>\n\t\t<meta itemprop=\"dateModified\" class=\"date updated\" content=\"2025-06-10T18:00:31+02:00\">\n\t\t<span class=\"hide\" itemprop=\"publisher\" itemscope itemtype=\"https:\/\/schema.org\/Organization\">\n\t\t\t<meta itemprop=\"name\" content=\"SocialistesdMca\">\n\t\t\t<span itemprop=\"logo\" itemscope itemtype=\"https:\/\/schema.org\/ImageObject\">\n\t\t\t\t<meta itemprop=\"url\" content=\"https:\/\/www.psib-psoe.org\/mallorca\/wp-content\/themes\/notio-wp\/assets\/img\/logo.png\">\n\t\t\t<\/span>\n\t\t\t<meta itemprop=\"url\" content=\"https:\/\/www.psib-psoe.org\/mallorca\/\">\n\t\t<\/span>\n\t\t\t\t<span class=\"hide\" itemprop=\"image\" itemscope itemtype=\"http:\/\/schema.org\/ImageObject\">\n\t\t\t<meta itemprop=\"url\" content=\"https:\/\/www.psib-psoe.org\/mallorca\/wp-content\/uploads\/100625_Foto-Arxiu-Gracia-Gonzalez-scaled.jpg\">\n\t\t\t<meta itemprop=\"width\" content=\"2560\">\n\t\t\t<meta itemprop=\"height\" content=\"1707\">\n\t\t<\/span>\n\t\t\t\t<meta itemscope itemprop=\"mainEntityOfPage\" itemtype=\"https:\/\/schema.org\/WebPage\" itemid=\"https:\/\/www.psib-psoe.org\/mallorca\/la-batlessa-de-felanitx-catalina-soler-impedeix-el-debat-sobre-la-seva-reprovacio\/\">\n\t<\/aside>\n\t\t<\/article>\n<\/div>\n<div class=\"small-12 large-4 columns\">\n\t<article itemscope itemtype=\"http:\/\/schema.org\/Article\" class=\"post blog-style7 alt post-29878 type-post status-publish format-standard has-post-thumbnail hentry category-federacio-de-mallorca category-federacio-de-mallorca-portada category-municipis category-portada tag-amanda-fernandez tag-federacio-socialista-de-mallorca tag-santanyi tag-tino-davia\" role=\"article\">\n\t\t<figure class=\"post-gallery\"><img loading=\"lazy\" decoding=\"async\" width=\"600\" height=\"400\" src=\"https:\/\/www.psib-psoe.org\/mallorca\/wp-content\/uploads\/SANTANYI-TINO-DAVIA-600x400.jpg\" class=\"attachment-notio-general-x2 size-notio-general-x2 wp-post-image\" alt=\"\" srcset=\"https:\/\/www.psib-psoe.org\/mallorca\/wp-content\/uploads\/SANTANYI-TINO-DAVIA-600x400.jpg 600w, https:\/\/www.psib-psoe.org\/mallorca\/wp-content\/uploads\/SANTANYI-TINO-DAVIA-300x200.jpg 300w, https:\/\/www.psib-psoe.org\/mallorca\/wp-content\/uploads\/SANTANYI-TINO-DAVIA-1024x683.jpg 1024w, https:\/\/www.psib-psoe.org\/mallorca\/wp-content\/uploads\/SANTANYI-TINO-DAVIA-768x512.jpg 768w, https:\/\/www.psib-psoe.org\/mallorca\/wp-content\/uploads\/SANTANYI-TINO-DAVIA-1536x1024.jpg 1536w, https:\/\/www.psib-psoe.org\/mallorca\/wp-content\/uploads\/SANTANYI-TINO-DAVIA-2048x1365.jpg 2048w, https:\/\/www.psib-psoe.org\/mallorca\/wp-content\/uploads\/SANTANYI-TINO-DAVIA-150x100.jpg 150w, https:\/\/www.psib-psoe.org\/mallorca\/wp-content\/uploads\/SANTANYI-TINO-DAVIA-900x600.jpg 900w, https:\/\/www.psib-psoe.org\/mallorca\/wp-content\/uploads\/SANTANYI-TINO-DAVIA-20x13.jpg 20w\" sizes=\"(max-width: 600px) 100vw, 600px\" \/><\/figure>\n\t\t<div class=\"blog-top\">\n\t\t\t<header class=\"post-title entry-header\">\n\t\t\t\t<aside class=\"post-meta cf\">\n\t\t10\/06\/2025 \/ <a href=\"https:\/\/www.psib-psoe.org\/mallorca\/category\/federacio-de-mallorca\/\" rel=\"category tag\">Federaci\u00f3 de Mallorca<\/a>, <a href=\"https:\/\/www.psib-psoe.org\/mallorca\/category\/federacio-de-mallorca-portada\/\" rel=\"category tag\">Federaci\u00f3 de Mallorca - Portada<\/a>, <a href=\"https:\/\/www.psib-psoe.org\/mallorca\/category\/municipis\/\" rel=\"category tag\">Municipis<\/a>, <a href=\"https:\/\/www.psib-psoe.org\/mallorca\/category\/portada\/\" rel=\"category tag\">Portada<\/a><\/aside>\n\t\t\t\t<h3 itemprop=\"headline\"><a href=\"https:\/\/www.psib-psoe.org\/mallorca\/els-socialistes-de-santanyi-reclamen-una-unitat-de-vigilancia-intensiva-uvi-pel-municipi-especialment-als-mesos-destiu\/\" title=\"Els Socialistes de Santany\u00ed reclamen una Unitat de Vigil\u00e0ncia Intensiva (UVI) pel municipi, especialment als mesos d\u2019estiu\">Els Socialistes de Santany\u00ed reclamen una Unitat de Vigil\u00e0ncia Intensiva (UVI) pel municipi, especialment als mesos d\u2019estiu<\/a><\/h3>\n\t\t\t<\/header>\n\t\t<\/div>\n\t\t<div class=\"post-content\">\n\t\t\t<a href=\"https:\/\/www.psib-psoe.org\/mallorca\/els-socialistes-de-santanyi-reclamen-una-unitat-de-vigilancia-intensiva-uvi-pel-municipi-especialment-als-mesos-destiu\/\" class=\"more-link\">Read More<\/a>\n\t\t<\/div>\n\t\t\t<aside class=\"post-bottom-meta hide\">\n\t\t<strong rel=\"author\" itemprop=\"author\" class=\"author vcard\"><span class=\"fn\">Marc<\/span><\/strong>\n\t\t<time class=\"date published time\" datetime=\"2025-06-10T14:35:55+02:00\" itemprop=\"datePublished\" content=\"2025-06-10T14:35:55+02:00\">10\/06\/2025<\/time>\n\t\t<meta itemprop=\"dateModified\" class=\"date updated\" content=\"2025-06-10T14:42:10+02:00\">\n\t\t<span class=\"hide\" itemprop=\"publisher\" itemscope itemtype=\"https:\/\/schema.org\/Organization\">\n\t\t\t<meta itemprop=\"name\" content=\"SocialistesdMca\">\n\t\t\t<span itemprop=\"logo\" itemscope itemtype=\"https:\/\/schema.org\/ImageObject\">\n\t\t\t\t<meta itemprop=\"url\" content=\"https:\/\/www.psib-psoe.org\/mallorca\/wp-content\/themes\/notio-wp\/assets\/img\/logo.png\">\n\t\t\t<\/span>\n\t\t\t<meta itemprop=\"url\" content=\"https:\/\/www.psib-psoe.org\/mallorca\/\">\n\t\t<\/span>\n\t\t\t\t<span class=\"hide\" itemprop=\"image\" itemscope itemtype=\"http:\/\/schema.org\/ImageObject\">\n\t\t\t<meta itemprop=\"url\" content=\"https:\/\/www.psib-psoe.org\/mallorca\/wp-content\/uploads\/SANTANYI-TINO-DAVIA-scaled.jpg\">\n\t\t\t<meta itemprop=\"width\" content=\"2560\">\n\t\t\t<meta itemprop=\"height\" content=\"1707\">\n\t\t<\/span>\n\t\t\t\t<meta itemscope itemprop=\"mainEntityOfPage\" itemtype=\"https:\/\/schema.org\/WebPage\" itemid=\"https:\/\/www.psib-psoe.org\/mallorca\/els-socialistes-de-santanyi-reclamen-una-unitat-de-vigilancia-intensiva-uvi-pel-municipi-especialment-als-mesos-destiu\/\">\n\t<\/aside>\n\t\t<\/article>\n<\/div>\n<div class=\"small-12 large-4 columns\">\n\t<article itemscope itemtype=\"http:\/\/schema.org\/Article\" class=\"post blog-style7 alt post-29873 type-post status-publish format-standard has-post-thumbnail hentry category-consell-de-mallorca category-federacio-de-mallorca category-federacio-de-mallorca-portada category-portada tag-amanda-fernandez tag-andreu-serra tag-bea-gamundi tag-catalina-cladera tag-consell-de-mallorca tag-federacio-socialista-de-mallorca tag-javier-de-juan tag-joan-ferrer tag-juana-m-adrover tag-maria-antonia-truyols tag-sofia-alonso\" role=\"article\">\n\t\t<figure class=\"post-gallery\"><img loading=\"lazy\" decoding=\"async\" width=\"600\" height=\"400\" src=\"https:\/\/www.psib-psoe.org\/mallorca\/wp-content\/uploads\/Cladera-decles-1-600x400.jpeg\" class=\"attachment-notio-general-x2 size-notio-general-x2 wp-post-image\" alt=\"\" srcset=\"https:\/\/www.psib-psoe.org\/mallorca\/wp-content\/uploads\/Cladera-decles-1-600x400.jpeg 600w, https:\/\/www.psib-psoe.org\/mallorca\/wp-content\/uploads\/Cladera-decles-1-300x200.jpeg 300w, https:\/\/www.psib-psoe.org\/mallorca\/wp-content\/uploads\/Cladera-decles-1-900x600.jpeg 900w, https:\/\/www.psib-psoe.org\/mallorca\/wp-content\/uploads\/Cladera-decles-1-20x13.jpeg 20w\" sizes=\"(max-width: 600px) 100vw, 600px\" \/><\/figure>\n\t\t<div class=\"blog-top\">\n\t\t\t<header class=\"post-title entry-header\">\n\t\t\t\t<aside class=\"post-meta cf\">\n\t\t09\/06\/2025 \/ <a href=\"https:\/\/www.psib-psoe.org\/mallorca\/category\/consell-de-mallorca\/\" rel=\"category tag\">Consell de Mallorca<\/a>, <a href=\"https:\/\/www.psib-psoe.org\/mallorca\/category\/federacio-de-mallorca\/\" rel=\"category tag\">Federaci\u00f3 de Mallorca<\/a>, <a href=\"https:\/\/www.psib-psoe.org\/mallorca\/category\/federacio-de-mallorca-portada\/\" rel=\"category tag\">Federaci\u00f3 de Mallorca - Portada<\/a>, <a href=\"https:\/\/www.psib-psoe.org\/mallorca\/category\/portada\/\" rel=\"category tag\">Portada<\/a><\/aside>\n\t\t\t\t<h3 itemprop=\"headline\"><a href=\"https:\/\/www.psib-psoe.org\/mallorca\/el-psib-acusa-al-consell-de-mallorca-de-fomentar-lespeculacio-amb-la-creacio-de-dues-borses-de-places-turistiques\/\" title=\"El PSIB acusa al Consell de Mallorca de fomentar l&#8217;especulaci\u00f3 amb la creaci\u00f3 de dues borses de places tur\u00edstiques.\">El PSIB acusa al Consell de Mallorca de fomentar l&#8217;especulaci\u00f3 amb la creaci\u00f3 de dues borses de places tur\u00edstiques.<\/a><\/h3>\n\t\t\t<\/header>\n\t\t<\/div>\n\t\t<div class=\"post-content\">\n\t\t\t<a href=\"https:\/\/www.psib-psoe.org\/mallorca\/el-psib-acusa-al-consell-de-mallorca-de-fomentar-lespeculacio-amb-la-creacio-de-dues-borses-de-places-turistiques\/\" class=\"more-link\">Read More<\/a>\n\t\t<\/div>\n\t\t\t<aside class=\"post-bottom-meta hide\">\n\t\t<strong rel=\"author\" itemprop=\"author\" class=\"author vcard\"><span class=\"fn\">Albert<\/span><\/strong>\n\t\t<time class=\"date published time\" datetime=\"2025-06-09T16:59:30+02:00\" itemprop=\"datePublished\" content=\"2025-06-09T16:59:30+02:00\">09\/06\/2025<\/time>\n\t\t<meta itemprop=\"dateModified\" class=\"date updated\" content=\"2025-06-09T16:59:41+02:00\">\n\t\t<span class=\"hide\" itemprop=\"publisher\" itemscope itemtype=\"https:\/\/schema.org\/Organization\">\n\t\t\t<meta itemprop=\"name\" content=\"SocialistesdMca\">\n\t\t\t<span itemprop=\"logo\" itemscope itemtype=\"https:\/\/schema.org\/ImageObject\">\n\t\t\t\t<meta itemprop=\"url\" content=\"https:\/\/www.psib-psoe.org\/mallorca\/wp-content\/themes\/notio-wp\/assets\/img\/logo.png\">\n\t\t\t<\/span>\n\t\t\t<meta itemprop=\"url\" content=\"https:\/\/www.psib-psoe.org\/mallorca\/\">\n\t\t<\/span>\n\t\t\t\t<span class=\"hide\" itemprop=\"image\" itemscope itemtype=\"http:\/\/schema.org\/ImageObject\">\n\t\t\t<meta itemprop=\"url\" content=\"https:\/\/www.psib-psoe.org\/mallorca\/wp-content\/uploads\/Cladera-decles-1.jpeg\">\n\t\t\t<meta itemprop=\"width\" content=\"1170\">\n\t\t\t<meta itemprop=\"height\" content=\"632\">\n\t\t<\/span>\n\t\t\t\t<meta itemscope itemprop=\"mainEntityOfPage\" itemtype=\"https:\/\/schema.org\/WebPage\" itemid=\"https:\/\/www.psib-psoe.org\/mallorca\/el-psib-acusa-al-consell-de-mallorca-de-fomentar-lespeculacio-amb-la-creacio-de-dues-borses-de-places-turistiques\/\">\n\t<\/aside>\n\t\t<\/article>\n<\/div>\n<div class=\"small-12 large-4 columns\">\n\t<article itemscope itemtype=\"http:\/\/schema.org\/Article\" class=\"post blog-style7 alt post-29867 type-post status-publish format-standard has-post-thumbnail hentry category-federacio-de-mallorca category-federacio-de-mallorca-portada category-municipis category-portada tag-agrupacio-socialista-de-lloseta tag-amanda-fernandez tag-ares-fernandez tag-catalina-cladera tag-federacio-socialista-de-mallorca tag-javier-de-juan tag-joan-ferrer tag-mercedes-garrido tag-paquita-campins tag-pep-lluis-urraca tag-tolo-aguilar tag-virgilio-moreno\" role=\"article\">\n\t\t<figure class=\"post-gallery\"><img loading=\"lazy\" decoding=\"async\" width=\"600\" height=\"400\" src=\"https:\/\/www.psib-psoe.org\/mallorca\/wp-content\/uploads\/Foto-Lloseta-grup-4-600x400.jpeg\" class=\"attachment-notio-general-x2 size-notio-general-x2 wp-post-image\" alt=\"\" srcset=\"https:\/\/www.psib-psoe.org\/mallorca\/wp-content\/uploads\/Foto-Lloseta-grup-4-600x400.jpeg 600w, https:\/\/www.psib-psoe.org\/mallorca\/wp-content\/uploads\/Foto-Lloseta-grup-4-300x200.jpeg 300w, https:\/\/www.psib-psoe.org\/mallorca\/wp-content\/uploads\/Foto-Lloseta-grup-4-900x600.jpeg 900w, https:\/\/www.psib-psoe.org\/mallorca\/wp-content\/uploads\/Foto-Lloseta-grup-4-20x13.jpeg 20w\" sizes=\"(max-width: 600px) 100vw, 600px\" \/><\/figure>\n\t\t<div class=\"blog-top\">\n\t\t\t<header class=\"post-title entry-header\">\n\t\t\t\t<aside class=\"post-meta cf\">\n\t\t07\/06\/2025 \/ <a href=\"https:\/\/www.psib-psoe.org\/mallorca\/category\/federacio-de-mallorca\/\" rel=\"category tag\">Federaci\u00f3 de Mallorca<\/a>, <a href=\"https:\/\/www.psib-psoe.org\/mallorca\/category\/federacio-de-mallorca-portada\/\" rel=\"category tag\">Federaci\u00f3 de Mallorca - Portada<\/a>, <a href=\"https:\/\/www.psib-psoe.org\/mallorca\/category\/municipis\/\" rel=\"category tag\">Municipis<\/a>, <a href=\"https:\/\/www.psib-psoe.org\/mallorca\/category\/portada\/\" rel=\"category tag\">Portada<\/a><\/aside>\n\t\t\t\t<h3 itemprop=\"headline\"><a href=\"https:\/\/www.psib-psoe.org\/mallorca\/paquita-campins-ja-es-la-nova-batlessa-socialista-de-lloseta\/\" title=\"Paquita Campins ja \u00e9s la nova batlessa socialista de Lloseta.\">Paquita Campins ja \u00e9s la nova batlessa socialista de Lloseta.<\/a><\/h3>\n\t\t\t<\/header>\n\t\t<\/div>\n\t\t<div class=\"post-content\">\n\t\t\t<a href=\"https:\/\/www.psib-psoe.org\/mallorca\/paquita-campins-ja-es-la-nova-batlessa-socialista-de-lloseta\/\" class=\"more-link\">Read More<\/a>\n\t\t<\/div>\n\t\t\t<aside class=\"post-bottom-meta hide\">\n\t\t<strong rel=\"author\" itemprop=\"author\" class=\"author vcard\"><span class=\"fn\">Albert<\/span><\/strong>\n\t\t<time class=\"date published time\" datetime=\"2025-06-07T14:28:49+02:00\" itemprop=\"datePublished\" content=\"2025-06-07T14:28:49+02:00\">07\/06\/2025<\/time>\n\t\t<meta itemprop=\"dateModified\" class=\"date updated\" content=\"2025-06-07T14:29:01+02:00\">\n\t\t<span class=\"hide\" itemprop=\"publisher\" itemscope itemtype=\"https:\/\/schema.org\/Organization\">\n\t\t\t<meta itemprop=\"name\" content=\"SocialistesdMca\">\n\t\t\t<span itemprop=\"logo\" itemscope itemtype=\"https:\/\/schema.org\/ImageObject\">\n\t\t\t\t<meta itemprop=\"url\" content=\"https:\/\/www.psib-psoe.org\/mallorca\/wp-content\/themes\/notio-wp\/assets\/img\/logo.png\">\n\t\t\t<\/span>\n\t\t\t<meta itemprop=\"url\" content=\"https:\/\/www.psib-psoe.org\/mallorca\/\">\n\t\t<\/span>\n\t\t\t\t<span class=\"hide\" itemprop=\"image\" itemscope itemtype=\"http:\/\/schema.org\/ImageObject\">\n\t\t\t<meta itemprop=\"url\" content=\"https:\/\/www.psib-psoe.org\/mallorca\/wp-content\/uploads\/Foto-Lloseta-grup-4.jpeg\">\n\t\t\t<meta itemprop=\"width\" content=\"1536\">\n\t\t\t<meta itemprop=\"height\" content=\"2048\">\n\t\t<\/span>\n\t\t\t\t<meta itemscope itemprop=\"mainEntityOfPage\" itemtype=\"https:\/\/schema.org\/WebPage\" itemid=\"https:\/\/www.psib-psoe.org\/mallorca\/paquita-campins-ja-es-la-nova-batlessa-socialista-de-lloseta\/\">\n\t<\/aside>\n\t\t<\/article>\n<\/div>\n<div class=\"small-12 large-4 columns\">\n\t<article itemscope itemtype=\"http:\/\/schema.org\/Article\" class=\"post blog-style7 alt post-29863 type-post status-publish format-standard has-post-thumbnail hentry category-consell-de-mallorca category-federacio-de-mallorca category-federacio-de-mallorca-portada category-portada tag-amanda-fernandez tag-andreu-serra tag-bea-gamundi tag-catalina-cladera tag-consell-de-mallorca tag-federacio-socialista-de-mallorca tag-javier-de-juan tag-joan-ferrer tag-juana-m-adrover tag-maria-antonia-truyols tag-sofia-alonso\" role=\"article\">\n\t\t<figure class=\"post-gallery\"><img loading=\"lazy\" decoding=\"async\" width=\"600\" height=\"400\" src=\"https:\/\/www.psib-psoe.org\/mallorca\/wp-content\/uploads\/Decles-Cladera-fems-600x400.jpeg\" class=\"attachment-notio-general-x2 size-notio-general-x2 wp-post-image\" alt=\"\" srcset=\"https:\/\/www.psib-psoe.org\/mallorca\/wp-content\/uploads\/Decles-Cladera-fems-600x400.jpeg 600w, https:\/\/www.psib-psoe.org\/mallorca\/wp-content\/uploads\/Decles-Cladera-fems-300x200.jpeg 300w, https:\/\/www.psib-psoe.org\/mallorca\/wp-content\/uploads\/Decles-Cladera-fems-900x600.jpeg 900w, https:\/\/www.psib-psoe.org\/mallorca\/wp-content\/uploads\/Decles-Cladera-fems-20x13.jpeg 20w\" sizes=\"(max-width: 600px) 100vw, 600px\" \/><\/figure>\n\t\t<div class=\"blog-top\">\n\t\t\t<header class=\"post-title entry-header\">\n\t\t\t\t<aside class=\"post-meta cf\">\n\t\t05\/06\/2025 \/ <a href=\"https:\/\/www.psib-psoe.org\/mallorca\/category\/consell-de-mallorca\/\" rel=\"category tag\">Consell de Mallorca<\/a>, <a href=\"https:\/\/www.psib-psoe.org\/mallorca\/category\/federacio-de-mallorca\/\" rel=\"category tag\">Federaci\u00f3 de Mallorca<\/a>, <a href=\"https:\/\/www.psib-psoe.org\/mallorca\/category\/federacio-de-mallorca-portada\/\" rel=\"category tag\">Federaci\u00f3 de Mallorca - Portada<\/a>, <a href=\"https:\/\/www.psib-psoe.org\/mallorca\/category\/portada\/\" rel=\"category tag\">Portada<\/a><\/aside>\n\t\t\t\t<h3 itemprop=\"headline\"><a href=\"https:\/\/www.psib-psoe.org\/mallorca\/galmes-i-bestard-segueixen-amagant-informacio-sobre-com-pensen-cremar-a-mallorca-els-fems-deivissa\/\" title=\"Galm\u00e9s i Bestard segueixen amagant informaci\u00f3 sobre com pensen cremar a Mallorca els fems d\u2019Eivissa.\">Galm\u00e9s i Bestard segueixen amagant informaci\u00f3 sobre com pensen cremar a Mallorca els fems d\u2019Eivissa.<\/a><\/h3>\n\t\t\t<\/header>\n\t\t<\/div>\n\t\t<div class=\"post-content\">\n\t\t\t<a href=\"https:\/\/www.psib-psoe.org\/mallorca\/galmes-i-bestard-segueixen-amagant-informacio-sobre-com-pensen-cremar-a-mallorca-els-fems-deivissa\/\" class=\"more-link\">Read More<\/a>\n\t\t<\/div>\n\t\t\t<aside class=\"post-bottom-meta hide\">\n\t\t<strong rel=\"author\" itemprop=\"author\" class=\"author vcard\"><span class=\"fn\">Albert<\/span><\/strong>\n\t\t<time class=\"date published time\" datetime=\"2025-06-05T13:56:04+02:00\" itemprop=\"datePublished\" content=\"2025-06-05T13:56:04+02:00\">05\/06\/2025<\/time>\n\t\t<meta itemprop=\"dateModified\" class=\"date updated\" content=\"2025-06-05T13:56:15+02:00\">\n\t\t<span class=\"hide\" itemprop=\"publisher\" itemscope itemtype=\"https:\/\/schema.org\/Organization\">\n\t\t\t<meta itemprop=\"name\" content=\"SocialistesdMca\">\n\t\t\t<span itemprop=\"logo\" itemscope itemtype=\"https:\/\/schema.org\/ImageObject\">\n\t\t\t\t<meta itemprop=\"url\" content=\"https:\/\/www.psib-psoe.org\/mallorca\/wp-content\/themes\/notio-wp\/assets\/img\/logo.png\">\n\t\t\t<\/span>\n\t\t\t<meta itemprop=\"url\" content=\"https:\/\/www.psib-psoe.org\/mallorca\/\">\n\t\t<\/span>\n\t\t\t\t<span class=\"hide\" itemprop=\"image\" itemscope itemtype=\"http:\/\/schema.org\/ImageObject\">\n\t\t\t<meta itemprop=\"url\" content=\"https:\/\/www.psib-psoe.org\/mallorca\/wp-content\/uploads\/Decles-Cladera-fems.jpeg\">\n\t\t\t<meta itemprop=\"width\" content=\"1536\">\n\t\t\t<meta itemprop=\"height\" content=\"2048\">\n\t\t<\/span>\n\t\t\t\t<meta itemscope itemprop=\"mainEntityOfPage\" itemtype=\"https:\/\/schema.org\/WebPage\" itemid=\"https:\/\/www.psib-psoe.org\/mallorca\/galmes-i-bestard-segueixen-amagant-informacio-sobre-com-pensen-cremar-a-mallorca-els-fems-deivissa\/\">\n\t<\/aside>\n\t\t<\/article>\n<\/div>\n<div class=\"small-12 large-4 columns\">\n\t<article itemscope itemtype=\"http:\/\/schema.org\/Article\" class=\"post blog-style7 alt post-29858 type-post status-publish format-standard has-post-thumbnail hentry category-federacio-de-mallorca category-federacio-de-mallorca-portada category-municipis category-portada tag-amanda-fernandez tag-federacio-socialista-de-mallorca tag-maria-de-la-salut tag-rafel-aulet tag-rafel-oliver\" role=\"article\">\n\t\t<figure class=\"post-gallery\"><img loading=\"lazy\" decoding=\"async\" width=\"600\" height=\"360\" src=\"https:\/\/www.psib-psoe.org\/mallorca\/wp-content\/uploads\/040625_Terrenys-Parc-600x360.jpeg\" class=\"attachment-notio-general-x2 size-notio-general-x2 wp-post-image\" alt=\"\" srcset=\"https:\/\/www.psib-psoe.org\/mallorca\/wp-content\/uploads\/040625_Terrenys-Parc-600x360.jpeg 600w, https:\/\/www.psib-psoe.org\/mallorca\/wp-content\/uploads\/040625_Terrenys-Parc-20x13.jpeg 20w\" sizes=\"(max-width: 600px) 100vw, 600px\" \/><\/figure>\n\t\t<div class=\"blog-top\">\n\t\t\t<header class=\"post-title entry-header\">\n\t\t\t\t<aside class=\"post-meta cf\">\n\t\t04\/06\/2025 \/ <a href=\"https:\/\/www.psib-psoe.org\/mallorca\/category\/federacio-de-mallorca\/\" rel=\"category tag\">Federaci\u00f3 de Mallorca<\/a>, <a href=\"https:\/\/www.psib-psoe.org\/mallorca\/category\/federacio-de-mallorca-portada\/\" rel=\"category tag\">Federaci\u00f3 de Mallorca - Portada<\/a>, <a href=\"https:\/\/www.psib-psoe.org\/mallorca\/category\/municipis\/\" rel=\"category tag\">Municipis<\/a>, <a href=\"https:\/\/www.psib-psoe.org\/mallorca\/category\/portada\/\" rel=\"category tag\">Portada<\/a><\/aside>\n\t\t\t\t<h3 itemprop=\"headline\"><a href=\"https:\/\/www.psib-psoe.org\/mallorca\/maria-no-tindra-el-parc-fotovoltaic-alten-mallorca-iii-gracies-a-una-denuncia-previa-dels-socialistes-de-maria\/\" title=\"Maria no tindr\u00e0 el Parc Fotovoltaic \u2018Alten Mallorca III\u2019 gr\u00e0cies a una den\u00fancia pr\u00e8via dels Socialistes de Maria\">Maria no tindr\u00e0 el Parc Fotovoltaic \u2018Alten Mallorca III\u2019 gr\u00e0cies a una den\u00fancia pr\u00e8via dels Socialistes de Maria<\/a><\/h3>\n\t\t\t<\/header>\n\t\t<\/div>\n\t\t<div class=\"post-content\">\n\t\t\t<a href=\"https:\/\/www.psib-psoe.org\/mallorca\/maria-no-tindra-el-parc-fotovoltaic-alten-mallorca-iii-gracies-a-una-denuncia-previa-dels-socialistes-de-maria\/\" class=\"more-link\">Read More<\/a>\n\t\t<\/div>\n\t\t\t<aside class=\"post-bottom-meta hide\">\n\t\t<strong rel=\"author\" itemprop=\"author\" class=\"author vcard\"><span class=\"fn\">Marc<\/span><\/strong>\n\t\t<time class=\"date published time\" datetime=\"2025-06-04T14:48:38+02:00\" itemprop=\"datePublished\" content=\"2025-06-04T14:48:38+02:00\">04\/06\/2025<\/time>\n\t\t<meta itemprop=\"dateModified\" class=\"date updated\" content=\"2025-06-04T14:51:20+02:00\">\n\t\t<span class=\"hide\" itemprop=\"publisher\" itemscope itemtype=\"https:\/\/schema.org\/Organization\">\n\t\t\t<meta itemprop=\"name\" content=\"SocialistesdMca\">\n\t\t\t<span itemprop=\"logo\" itemscope itemtype=\"https:\/\/schema.org\/ImageObject\">\n\t\t\t\t<meta itemprop=\"url\" content=\"https:\/\/www.psib-psoe.org\/mallorca\/wp-content\/themes\/notio-wp\/assets\/img\/logo.png\">\n\t\t\t<\/span>\n\t\t\t<meta itemprop=\"url\" content=\"https:\/\/www.psib-psoe.org\/mallorca\/\">\n\t\t<\/span>\n\t\t\t\t<span class=\"hide\" itemprop=\"image\" itemscope itemtype=\"http:\/\/schema.org\/ImageObject\">\n\t\t\t<meta itemprop=\"url\" content=\"https:\/\/www.psib-psoe.org\/mallorca\/wp-content\/uploads\/040625_Terrenys-Parc.jpeg\">\n\t\t\t<meta itemprop=\"width\" content=\"640\">\n\t\t\t<meta itemprop=\"height\" content=\"360\">\n\t\t<\/span>\n\t\t\t\t<meta itemscope itemprop=\"mainEntityOfPage\" itemtype=\"https:\/\/schema.org\/WebPage\" itemid=\"https:\/\/www.psib-psoe.org\/mallorca\/maria-no-tindra-el-parc-fotovoltaic-alten-mallorca-iii-gracies-a-una-denuncia-previa-dels-socialistes-de-maria\/\">\n\t<\/aside>\n\t\t<\/article>\n<\/div>\n<div class=\"small-12 large-4 columns\">\n\t<article itemscope itemtype=\"http:\/\/schema.org\/Article\" class=\"post blog-style7 alt post-29853 type-post status-publish format-standard has-post-thumbnail hentry category-consell-de-mallorca category-federacio-de-mallorca category-federacio-de-mallorca-portada category-portada tag-amanda-fernandez tag-andreu-serra tag-bea-gamundi tag-catalina-cladera tag-consell-de-mallorca tag-federacio-socialista-de-mallorca tag-javier-de-juan tag-joan-ferrer tag-juana-m-adrover tag-maria-antonia-truyols tag-sofia-alonso\" role=\"article\">\n\t\t<figure class=\"post-gallery\"><img loading=\"lazy\" decoding=\"async\" width=\"600\" height=\"400\" src=\"https:\/\/www.psib-psoe.org\/mallorca\/wp-content\/uploads\/Foto-Grup-600x400.jpeg\" class=\"attachment-notio-general-x2 size-notio-general-x2 wp-post-image\" alt=\"\" srcset=\"https:\/\/www.psib-psoe.org\/mallorca\/wp-content\/uploads\/Foto-Grup-600x400.jpeg 600w, https:\/\/www.psib-psoe.org\/mallorca\/wp-content\/uploads\/Foto-Grup-300x200.jpeg 300w, https:\/\/www.psib-psoe.org\/mallorca\/wp-content\/uploads\/Foto-Grup-900x600.jpeg 900w, https:\/\/www.psib-psoe.org\/mallorca\/wp-content\/uploads\/Foto-Grup-20x13.jpeg 20w\" sizes=\"(max-width: 600px) 100vw, 600px\" \/><\/figure>\n\t\t<div class=\"blog-top\">\n\t\t\t<header class=\"post-title entry-header\">\n\t\t\t\t<aside class=\"post-meta cf\">\n\t\t04\/06\/2025 \/ <a href=\"https:\/\/www.psib-psoe.org\/mallorca\/category\/consell-de-mallorca\/\" rel=\"category tag\">Consell de Mallorca<\/a>, <a href=\"https:\/\/www.psib-psoe.org\/mallorca\/category\/federacio-de-mallorca\/\" rel=\"category tag\">Federaci\u00f3 de Mallorca<\/a>, <a href=\"https:\/\/www.psib-psoe.org\/mallorca\/category\/federacio-de-mallorca-portada\/\" rel=\"category tag\">Federaci\u00f3 de Mallorca - Portada<\/a>, <a href=\"https:\/\/www.psib-psoe.org\/mallorca\/category\/portada\/\" rel=\"category tag\">Portada<\/a><\/aside>\n\t\t\t\t<h3 itemprop=\"headline\"><a href=\"https:\/\/www.psib-psoe.org\/mallorca\/el-grup-socialista-soposa-a-un-canvi-destatuts-de-la-fmt-que-no-es-mes-que-fum-de-marcial-rodriguez-per-fer-mes-promocio-que-mai-mentre-que-afirma-el-contrari\/\" title=\"El Grup Socialista s\u2019oposa a un canvi d\u2019estatuts de la FMT que no \u00e9s m\u00e9s que \u201cfum de Marcial Rodr\u00edguez per fer m\u00e9s promoci\u00f3 que mai mentre que afirma el contrari\u201d.\">El Grup Socialista s\u2019oposa a un canvi d\u2019estatuts de la FMT que no \u00e9s m\u00e9s que \u201cfum de Marcial Rodr\u00edguez per fer m\u00e9s promoci\u00f3 que mai mentre que afirma el contrari\u201d.<\/a><\/h3>\n\t\t\t<\/header>\n\t\t<\/div>\n\t\t<div class=\"post-content\">\n\t\t\t<a href=\"https:\/\/www.psib-psoe.org\/mallorca\/el-grup-socialista-soposa-a-un-canvi-destatuts-de-la-fmt-que-no-es-mes-que-fum-de-marcial-rodriguez-per-fer-mes-promocio-que-mai-mentre-que-afirma-el-contrari\/\" class=\"more-link\">Read More<\/a>\n\t\t<\/div>\n\t\t\t<aside class=\"post-bottom-meta hide\">\n\t\t<strong rel=\"author\" itemprop=\"author\" class=\"author vcard\"><span class=\"fn\">Albert<\/span><\/strong>\n\t\t<time class=\"date published time\" datetime=\"2025-06-04T12:39:48+02:00\" itemprop=\"datePublished\" content=\"2025-06-04T12:39:48+02:00\">04\/06\/2025<\/time>\n\t\t<meta itemprop=\"dateModified\" class=\"date updated\" content=\"2025-06-04T12:40:01+02:00\">\n\t\t<span class=\"hide\" itemprop=\"publisher\" itemscope itemtype=\"https:\/\/schema.org\/Organization\">\n\t\t\t<meta itemprop=\"name\" content=\"SocialistesdMca\">\n\t\t\t<span itemprop=\"logo\" itemscope itemtype=\"https:\/\/schema.org\/ImageObject\">\n\t\t\t\t<meta itemprop=\"url\" content=\"https:\/\/www.psib-psoe.org\/mallorca\/wp-content\/themes\/notio-wp\/assets\/img\/logo.png\">\n\t\t\t<\/span>\n\t\t\t<meta itemprop=\"url\" content=\"https:\/\/www.psib-psoe.org\/mallorca\/\">\n\t\t<\/span>\n\t\t\t\t<span class=\"hide\" itemprop=\"image\" itemscope itemtype=\"http:\/\/schema.org\/ImageObject\">\n\t\t\t<meta itemprop=\"url\" content=\"https:\/\/www.psib-psoe.org\/mallorca\/wp-content\/uploads\/Foto-Grup.jpeg\">\n\t\t\t<meta itemprop=\"width\" content=\"1600\">\n\t\t\t<meta itemprop=\"height\" content=\"1200\">\n\t\t<\/span>\n\t\t\t\t<meta itemscope itemprop=\"mainEntityOfPage\" itemtype=\"https:\/\/schema.org\/WebPage\" itemid=\"https:\/\/www.psib-psoe.org\/mallorca\/el-grup-socialista-soposa-a-un-canvi-destatuts-de-la-fmt-que-no-es-mes-que-fum-de-marcial-rodriguez-per-fer-mes-promocio-que-mai-mentre-que-afirma-el-contrari\/\">\n\t<\/aside>\n\t\t<\/article>\n<\/div>\n<div class=\"small-12 large-4 columns\">\n\t<article itemscope itemtype=\"http:\/\/schema.org\/Article\" class=\"post blog-style7 alt post-29849 type-post status-publish format-standard has-post-thumbnail hentry category-federacio-de-mallorca category-federacio-de-mallorca-portada category-municipis category-portada tag-amanda-fernandez tag-ares-fernandez tag-elsa-herranz tag-federacio-socialista-de-mallorca tag-jaume-j-oliver tag-llucmajor tag-socialistes-de-llucmajor\" role=\"article\">\n\t\t<figure class=\"post-gallery\"><img loading=\"lazy\" decoding=\"async\" width=\"600\" height=\"400\" src=\"https:\/\/www.psib-psoe.org\/mallorca\/wp-content\/uploads\/020625_Foto-arxiu-Grup-Socialista-Felanitx-600x400.jpeg\" class=\"attachment-notio-general-x2 size-notio-general-x2 wp-post-image\" alt=\"\" srcset=\"https:\/\/www.psib-psoe.org\/mallorca\/wp-content\/uploads\/020625_Foto-arxiu-Grup-Socialista-Felanitx-600x400.jpeg 600w, https:\/\/www.psib-psoe.org\/mallorca\/wp-content\/uploads\/020625_Foto-arxiu-Grup-Socialista-Felanitx-300x200.jpeg 300w, https:\/\/www.psib-psoe.org\/mallorca\/wp-content\/uploads\/020625_Foto-arxiu-Grup-Socialista-Felanitx-900x600.jpeg 900w, https:\/\/www.psib-psoe.org\/mallorca\/wp-content\/uploads\/020625_Foto-arxiu-Grup-Socialista-Felanitx-20x13.jpeg 20w\" sizes=\"(max-width: 600px) 100vw, 600px\" \/><\/figure>\n\t\t<div class=\"blog-top\">\n\t\t\t<header class=\"post-title entry-header\">\n\t\t\t\t<aside class=\"post-meta cf\">\n\t\t02\/06\/2025 \/ <a href=\"https:\/\/www.psib-psoe.org\/mallorca\/category\/federacio-de-mallorca\/\" rel=\"category tag\">Federaci\u00f3 de Mallorca<\/a>, <a href=\"https:\/\/www.psib-psoe.org\/mallorca\/category\/federacio-de-mallorca-portada\/\" rel=\"category tag\">Federaci\u00f3 de Mallorca - Portada<\/a>, <a href=\"https:\/\/www.psib-psoe.org\/mallorca\/category\/municipis\/\" rel=\"category tag\">Municipis<\/a>, <a href=\"https:\/\/www.psib-psoe.org\/mallorca\/category\/portada\/\" rel=\"category tag\">Portada<\/a><\/aside>\n\t\t\t\t<h3 itemprop=\"headline\"><a href=\"https:\/\/www.psib-psoe.org\/mallorca\/felanitx-segueix-amb-problemes-daigua-despres-de-la-gran-avaria-de-principis-de-marc\/\" title=\"Felanitx segueix amb problemes d\u2019aigua despr\u00e9s de la gran avaria de principis de mar\u00e7\">Felanitx segueix amb problemes d\u2019aigua despr\u00e9s de la gran avaria de principis de mar\u00e7<\/a><\/h3>\n\t\t\t<\/header>\n\t\t<\/div>\n\t\t<div class=\"post-content\">\n\t\t\t<a href=\"https:\/\/www.psib-psoe.org\/mallorca\/felanitx-segueix-amb-problemes-daigua-despres-de-la-gran-avaria-de-principis-de-marc\/\" class=\"more-link\">Read More<\/a>\n\t\t<\/div>\n\t\t\t<aside class=\"post-bottom-meta hide\">\n\t\t<strong rel=\"author\" itemprop=\"author\" class=\"author vcard\"><span class=\"fn\">Marc<\/span><\/strong>\n\t\t<time class=\"date published time\" datetime=\"2025-06-02T13:28:16+02:00\" itemprop=\"datePublished\" content=\"2025-06-02T13:28:16+02:00\">02\/06\/2025<\/time>\n\t\t<meta itemprop=\"dateModified\" class=\"date updated\" content=\"2025-06-02T13:28:28+02:00\">\n\t\t<span class=\"hide\" itemprop=\"publisher\" itemscope itemtype=\"https:\/\/schema.org\/Organization\">\n\t\t\t<meta itemprop=\"name\" content=\"SocialistesdMca\">\n\t\t\t<span itemprop=\"logo\" itemscope itemtype=\"https:\/\/schema.org\/ImageObject\">\n\t\t\t\t<meta itemprop=\"url\" content=\"https:\/\/www.psib-psoe.org\/mallorca\/wp-content\/themes\/notio-wp\/assets\/img\/logo.png\">\n\t\t\t<\/span>\n\t\t\t<meta itemprop=\"url\" content=\"https:\/\/www.psib-psoe.org\/mallorca\/\">\n\t\t<\/span>\n\t\t\t\t<span class=\"hide\" itemprop=\"image\" itemscope itemtype=\"http:\/\/schema.org\/ImageObject\">\n\t\t\t<meta itemprop=\"url\" content=\"https:\/\/www.psib-psoe.org\/mallorca\/wp-content\/uploads\/020625_Foto-arxiu-Grup-Socialista-Felanitx.jpeg\">\n\t\t\t<meta itemprop=\"width\" content=\"1600\">\n\t\t\t<meta itemprop=\"height\" content=\"1200\">\n\t\t<\/span>\n\t\t\t\t<meta itemscope itemprop=\"mainEntityOfPage\" itemtype=\"https:\/\/schema.org\/WebPage\" itemid=\"https:\/\/www.psib-psoe.org\/mallorca\/felanitx-segueix-amb-problemes-daigua-despres-de-la-gran-avaria-de-principis-de-marc\/\">\n\t<\/aside>\n\t\t<\/article>\n<\/div>\n<div class=\"small-12 large-4 columns\">\n\t<article itemscope itemtype=\"http:\/\/schema.org\/Article\" class=\"post blog-style7 alt post-29843 type-post status-publish format-standard has-post-thumbnail hentry category-federacio-de-mallorca category-federacio-de-mallorca-portada category-municipis category-portada tag-amanda-fernandez tag-ares-fernandez tag-elsa-herranz tag-federacio-socialista-de-mallorca tag-jaume-j-oliver tag-llucmajor tag-socialistes-de-llucmajor\" role=\"article\">\n\t\t<figure class=\"post-gallery\"><img loading=\"lazy\" decoding=\"async\" width=\"600\" height=\"400\" src=\"https:\/\/www.psib-psoe.org\/mallorca\/wp-content\/uploads\/300525_Grup-Socialista-Pollentia-600x400.jpeg\" class=\"attachment-notio-general-x2 size-notio-general-x2 wp-post-image\" alt=\"\" srcset=\"https:\/\/www.psib-psoe.org\/mallorca\/wp-content\/uploads\/300525_Grup-Socialista-Pollentia-600x400.jpeg 600w, https:\/\/www.psib-psoe.org\/mallorca\/wp-content\/uploads\/300525_Grup-Socialista-Pollentia-300x200.jpeg 300w, https:\/\/www.psib-psoe.org\/mallorca\/wp-content\/uploads\/300525_Grup-Socialista-Pollentia-900x600.jpeg 900w, https:\/\/www.psib-psoe.org\/mallorca\/wp-content\/uploads\/300525_Grup-Socialista-Pollentia-20x13.jpeg 20w\" sizes=\"(max-width: 600px) 100vw, 600px\" \/><\/figure>\n\t\t<div class=\"blog-top\">\n\t\t\t<header class=\"post-title entry-header\">\n\t\t\t\t<aside class=\"post-meta cf\">\n\t\t30\/05\/2025 \/ <a href=\"https:\/\/www.psib-psoe.org\/mallorca\/category\/federacio-de-mallorca\/\" rel=\"category tag\">Federaci\u00f3 de Mallorca<\/a>, <a href=\"https:\/\/www.psib-psoe.org\/mallorca\/category\/federacio-de-mallorca-portada\/\" rel=\"category tag\">Federaci\u00f3 de Mallorca - Portada<\/a>, <a href=\"https:\/\/www.psib-psoe.org\/mallorca\/category\/municipis\/\" rel=\"category tag\">Municipis<\/a>, <a href=\"https:\/\/www.psib-psoe.org\/mallorca\/category\/portada\/\" rel=\"category tag\">Portada<\/a><\/aside>\n\t\t\t\t<h3 itemprop=\"headline\"><a href=\"https:\/\/www.psib-psoe.org\/mallorca\/el-partit-socialista-reclama-la-cessio-integral-de-terrenys-que-conformen-la-zona-arqueologica-de-la-ciutat-romana-de-pollentia-al-consorci-arqueologic-de-pollentia\/\" title=\"El Partit Socialista reclama la cessi\u00f3 integral de terrenys que conformen la zona arqueol\u00f2gica de la Ciutat Romana de Pollentia al Consorci Arqueol\u00f2gic de Pollentia\">El Partit Socialista reclama la cessi\u00f3 integral de terrenys que conformen la zona arqueol\u00f2gica de la Ciutat Romana de Pollentia al Consorci Arqueol\u00f2gic de Pollentia<\/a><\/h3>\n\t\t\t<\/header>\n\t\t<\/div>\n\t\t<div class=\"post-content\">\n\t\t\t<a href=\"https:\/\/www.psib-psoe.org\/mallorca\/el-partit-socialista-reclama-la-cessio-integral-de-terrenys-que-conformen-la-zona-arqueologica-de-la-ciutat-romana-de-pollentia-al-consorci-arqueologic-de-pollentia\/\" class=\"more-link\">Read More<\/a>\n\t\t<\/div>\n\t\t\t<aside class=\"post-bottom-meta hide\">\n\t\t<strong rel=\"author\" itemprop=\"author\" class=\"author vcard\"><span class=\"fn\">Marc<\/span><\/strong>\n\t\t<time class=\"date published time\" datetime=\"2025-05-30T19:11:00+02:00\" itemprop=\"datePublished\" content=\"2025-05-30T19:11:00+02:00\">30\/05\/2025<\/time>\n\t\t<meta itemprop=\"dateModified\" class=\"date updated\" content=\"2025-05-30T19:11:12+02:00\">\n\t\t<span class=\"hide\" itemprop=\"publisher\" itemscope itemtype=\"https:\/\/schema.org\/Organization\">\n\t\t\t<meta itemprop=\"name\" content=\"SocialistesdMca\">\n\t\t\t<span itemprop=\"logo\" itemscope itemtype=\"https:\/\/schema.org\/ImageObject\">\n\t\t\t\t<meta itemprop=\"url\" content=\"https:\/\/www.psib-psoe.org\/mallorca\/wp-content\/themes\/notio-wp\/assets\/img\/logo.png\">\n\t\t\t<\/span>\n\t\t\t<meta itemprop=\"url\" content=\"https:\/\/www.psib-psoe.org\/mallorca\/\">\n\t\t<\/span>\n\t\t\t\t<span class=\"hide\" itemprop=\"image\" itemscope itemtype=\"http:\/\/schema.org\/ImageObject\">\n\t\t\t<meta itemprop=\"url\" content=\"https:\/\/www.psib-psoe.org\/mallorca\/wp-content\/uploads\/300525_Grup-Socialista-Pollentia-scaled.jpeg\">\n\t\t\t<meta itemprop=\"width\" content=\"2560\">\n\t\t\t<meta itemprop=\"height\" content=\"1920\">\n\t\t<\/span>\n\t\t\t\t<meta itemscope itemprop=\"mainEntityOfPage\" itemtype=\"https:\/\/schema.org\/WebPage\" itemid=\"https:\/\/www.psib-psoe.org\/mallorca\/el-partit-socialista-reclama-la-cessio-integral-de-terrenys-que-conformen-la-zona-arqueologica-de-la-ciutat-romana-de-pollentia-al-consorci-arqueologic-de-pollentia\/\">\n\t<\/aside>\n\t\t<\/article>\n<\/div>\n<div class=\"small-12 large-4 columns\">\n\t<article itemscope itemtype=\"http:\/\/schema.org\/Article\" class=\"post blog-style7 alt post-29839 type-post status-publish format-standard has-post-thumbnail hentry category-consell-de-mallorca category-federacio-de-mallorca category-federacio-de-mallorca-portada category-portada tag-amanda-fernandez tag-andreu-serra tag-bea-gamundi tag-catalina-cladera tag-consell-de-mallorca tag-federacio-socialista-de-mallorca tag-javier-de-juan tag-joan-ferrer tag-juana-m-adrover tag-maria-antonia-truyols tag-sofia-alonso\" role=\"article\">\n\t\t<figure class=\"post-gallery\"><img loading=\"lazy\" decoding=\"async\" width=\"600\" height=\"400\" src=\"https:\/\/www.psib-psoe.org\/mallorca\/wp-content\/uploads\/Javier-ple-600x400.jpeg\" class=\"attachment-notio-general-x2 size-notio-general-x2 wp-post-image\" alt=\"\" srcset=\"https:\/\/www.psib-psoe.org\/mallorca\/wp-content\/uploads\/Javier-ple-600x400.jpeg 600w, https:\/\/www.psib-psoe.org\/mallorca\/wp-content\/uploads\/Javier-ple-300x200.jpeg 300w, https:\/\/www.psib-psoe.org\/mallorca\/wp-content\/uploads\/Javier-ple-900x600.jpeg 900w, https:\/\/www.psib-psoe.org\/mallorca\/wp-content\/uploads\/Javier-ple-20x13.jpeg 20w\" sizes=\"(max-width: 600px) 100vw, 600px\" \/><\/figure>\n\t\t<div class=\"blog-top\">\n\t\t\t<header class=\"post-title entry-header\">\n\t\t\t\t<aside class=\"post-meta cf\">\n\t\t30\/05\/2025 \/ <a href=\"https:\/\/www.psib-psoe.org\/mallorca\/category\/consell-de-mallorca\/\" rel=\"category tag\">Consell de Mallorca<\/a>, <a href=\"https:\/\/www.psib-psoe.org\/mallorca\/category\/federacio-de-mallorca\/\" rel=\"category tag\">Federaci\u00f3 de Mallorca<\/a>, <a href=\"https:\/\/www.psib-psoe.org\/mallorca\/category\/federacio-de-mallorca-portada\/\" rel=\"category tag\">Federaci\u00f3 de Mallorca - Portada<\/a>, <a href=\"https:\/\/www.psib-psoe.org\/mallorca\/category\/portada\/\" rel=\"category tag\">Portada<\/a><\/aside>\n\t\t\t\t<h3 itemprop=\"headline\"><a href=\"https:\/\/www.psib-psoe.org\/mallorca\/la-justicia-desmenteix-la-denuncia-de-vox-contra-javier-de-juan-els-fets-que-se-mimputaven-no-son-certs\/\" title=\"La Just\u00edcia desmenteix la den\u00fancia de Vox contra Javier de Juan: \u201cels fets que se m\u2019imputaven no s\u00f3n certs\u201d\">La Just\u00edcia desmenteix la den\u00fancia de Vox contra Javier de Juan: \u201cels fets que se m\u2019imputaven no s\u00f3n certs\u201d<\/a><\/h3>\n\t\t\t<\/header>\n\t\t<\/div>\n\t\t<div class=\"post-content\">\n\t\t\t<a href=\"https:\/\/www.psib-psoe.org\/mallorca\/la-justicia-desmenteix-la-denuncia-de-vox-contra-javier-de-juan-els-fets-que-se-mimputaven-no-son-certs\/\" class=\"more-link\">Read More<\/a>\n\t\t<\/div>\n\t\t\t<aside class=\"post-bottom-meta hide\">\n\t\t<strong rel=\"author\" itemprop=\"author\" class=\"author vcard\"><span class=\"fn\">Albert<\/span><\/strong>\n\t\t<time class=\"date published time\" datetime=\"2025-05-30T09:22:53+02:00\" itemprop=\"datePublished\" content=\"2025-05-30T09:22:53+02:00\">30\/05\/2025<\/time>\n\t\t<meta itemprop=\"dateModified\" class=\"date updated\" content=\"2025-05-30T09:23:05+02:00\">\n\t\t<span class=\"hide\" itemprop=\"publisher\" itemscope itemtype=\"https:\/\/schema.org\/Organization\">\n\t\t\t<meta itemprop=\"name\" content=\"SocialistesdMca\">\n\t\t\t<span itemprop=\"logo\" itemscope itemtype=\"https:\/\/schema.org\/ImageObject\">\n\t\t\t\t<meta itemprop=\"url\" content=\"https:\/\/www.psib-psoe.org\/mallorca\/wp-content\/themes\/notio-wp\/assets\/img\/logo.png\">\n\t\t\t<\/span>\n\t\t\t<meta itemprop=\"url\" content=\"https:\/\/www.psib-psoe.org\/mallorca\/\">\n\t\t<\/span>\n\t\t\t\t<span class=\"hide\" itemprop=\"image\" itemscope itemtype=\"http:\/\/schema.org\/ImageObject\">\n\t\t\t<meta itemprop=\"url\" content=\"https:\/\/www.psib-psoe.org\/mallorca\/wp-content\/uploads\/Javier-ple.jpeg\">\n\t\t\t<meta itemprop=\"width\" content=\"2048\">\n\t\t\t<meta itemprop=\"height\" content=\"1536\">\n\t\t<\/span>\n\t\t\t\t<meta itemscope itemprop=\"mainEntityOfPage\" itemtype=\"https:\/\/schema.org\/WebPage\" itemid=\"https:\/\/www.psib-psoe.org\/mallorca\/la-justicia-desmenteix-la-denuncia-de-vox-contra-javier-de-juan-els-fets-que-se-mimputaven-no-son-certs\/\">\n\t<\/aside>\n\t\t<\/article>\n<\/div>\n<div class=\"small-12 large-4 columns\">\n\t<article itemscope itemtype=\"http:\/\/schema.org\/Article\" class=\"post blog-style7 alt post-29835 type-post status-publish format-standard has-post-thumbnail hentry category-federacio-de-mallorca category-federacio-de-mallorca-portada category-municipis category-portada tag-amanda-fernandez tag-ares-fernandez tag-elsa-herranz tag-federacio-socialista-de-mallorca tag-jaume-j-oliver tag-llucmajor tag-socialistes-de-llucmajor\" role=\"article\">\n\t\t<figure class=\"post-gallery\"><img loading=\"lazy\" decoding=\"async\" width=\"600\" height=\"400\" src=\"https:\/\/www.psib-psoe.org\/mallorca\/wp-content\/uploads\/Llucmajor-macrogranja-2-600x400.jpg\" class=\"attachment-notio-general-x2 size-notio-general-x2 wp-post-image\" alt=\"\" srcset=\"https:\/\/www.psib-psoe.org\/mallorca\/wp-content\/uploads\/Llucmajor-macrogranja-2-600x400.jpg 600w, https:\/\/www.psib-psoe.org\/mallorca\/wp-content\/uploads\/Llucmajor-macrogranja-2-300x200.jpg 300w, https:\/\/www.psib-psoe.org\/mallorca\/wp-content\/uploads\/Llucmajor-macrogranja-2-900x600.jpg 900w, https:\/\/www.psib-psoe.org\/mallorca\/wp-content\/uploads\/Llucmajor-macrogranja-2-20x13.jpg 20w\" sizes=\"(max-width: 600px) 100vw, 600px\" \/><\/figure>\n\t\t<div class=\"blog-top\">\n\t\t\t<header class=\"post-title entry-header\">\n\t\t\t\t<aside class=\"post-meta cf\">\n\t\t28\/05\/2025 \/ <a href=\"https:\/\/www.psib-psoe.org\/mallorca\/category\/federacio-de-mallorca\/\" rel=\"category tag\">Federaci\u00f3 de Mallorca<\/a>, <a href=\"https:\/\/www.psib-psoe.org\/mallorca\/category\/federacio-de-mallorca-portada\/\" rel=\"category tag\">Federaci\u00f3 de Mallorca - Portada<\/a>, <a href=\"https:\/\/www.psib-psoe.org\/mallorca\/category\/municipis\/\" rel=\"category tag\">Municipis<\/a>, <a href=\"https:\/\/www.psib-psoe.org\/mallorca\/category\/portada\/\" rel=\"category tag\">Portada<\/a><\/aside>\n\t\t\t\t<h3 itemprop=\"headline\"><a href=\"https:\/\/www.psib-psoe.org\/mallorca\/la-batlessa-de-llucmajor-abandona-a-tots-els-veinats-afectats-i-afirma-no-tenir-competencies-en-el-control-de-la-macrogranja\/\" title=\"La batlessa de Llucmajor abandona a tots els ve\u00efnats afectats i afirma no tenir compet\u00e8ncies en el control de la macrogranja.\">La batlessa de Llucmajor abandona a tots els ve\u00efnats afectats i afirma no tenir compet\u00e8ncies en el control de la macrogranja.<\/a><\/h3>\n\t\t\t<\/header>\n\t\t<\/div>\n\t\t<div class=\"post-content\">\n\t\t\t<a href=\"https:\/\/www.psib-psoe.org\/mallorca\/la-batlessa-de-llucmajor-abandona-a-tots-els-veinats-afectats-i-afirma-no-tenir-competencies-en-el-control-de-la-macrogranja\/\" class=\"more-link\">Read More<\/a>\n\t\t<\/div>\n\t\t\t<aside class=\"post-bottom-meta hide\">\n\t\t<strong rel=\"author\" itemprop=\"author\" class=\"author vcard\"><span class=\"fn\">Albert<\/span><\/strong>\n\t\t<time class=\"date published time\" datetime=\"2025-05-28T21:37:56+02:00\" itemprop=\"datePublished\" content=\"2025-05-28T21:37:56+02:00\">28\/05\/2025<\/time>\n\t\t<meta itemprop=\"dateModified\" class=\"date updated\" content=\"2025-05-28T21:38:08+02:00\">\n\t\t<span class=\"hide\" itemprop=\"publisher\" itemscope itemtype=\"https:\/\/schema.org\/Organization\">\n\t\t\t<meta itemprop=\"name\" content=\"SocialistesdMca\">\n\t\t\t<span itemprop=\"logo\" itemscope itemtype=\"https:\/\/schema.org\/ImageObject\">\n\t\t\t\t<meta itemprop=\"url\" content=\"https:\/\/www.psib-psoe.org\/mallorca\/wp-content\/themes\/notio-wp\/assets\/img\/logo.png\">\n\t\t\t<\/span>\n\t\t\t<meta itemprop=\"url\" content=\"https:\/\/www.psib-psoe.org\/mallorca\/\">\n\t\t<\/span>\n\t\t\t\t<span class=\"hide\" itemprop=\"image\" itemscope itemtype=\"http:\/\/schema.org\/ImageObject\">\n\t\t\t<meta itemprop=\"url\" content=\"https:\/\/www.psib-psoe.org\/mallorca\/wp-content\/uploads\/Llucmajor-macrogranja-2.jpg\">\n\t\t\t<meta itemprop=\"width\" content=\"2048\">\n\t\t\t<meta itemprop=\"height\" content=\"1536\">\n\t\t<\/span>\n\t\t\t\t<meta itemscope itemprop=\"mainEntityOfPage\" itemtype=\"https:\/\/schema.org\/WebPage\" itemid=\"https:\/\/www.psib-psoe.org\/mallorca\/la-batlessa-de-llucmajor-abandona-a-tots-els-veinats-afectats-i-afirma-no-tenir-competencies-en-el-control-de-la-macrogranja\/\">\n\t<\/aside>\n\t\t<\/article>\n<\/div>\n<div class=\"small-12 large-4 columns\">\n\t<article itemscope itemtype=\"http:\/\/schema.org\/Article\" class=\"post blog-style7 alt post-29832 type-post status-publish format-standard has-post-thumbnail hentry category-federacio-de-mallorca category-federacio-de-mallorca-portada category-municipis category-portada tag-agrupacio-socialista-dalgaida tag-amanda-fernandez tag-barbara-rebassa tag-catalina-cladera tag-federacio-socialista-de-mallorca tag-joan-gaspar-vallori\" role=\"article\">\n\t\t<figure class=\"post-gallery\"><img loading=\"lazy\" decoding=\"async\" width=\"600\" height=\"400\" src=\"https:\/\/www.psib-psoe.org\/mallorca\/wp-content\/uploads\/Regidors-Alcudia-600x400-1.jpeg\" class=\"attachment-notio-general-x2 size-notio-general-x2 wp-post-image\" alt=\"\" srcset=\"https:\/\/www.psib-psoe.org\/mallorca\/wp-content\/uploads\/Regidors-Alcudia-600x400-1.jpeg 600w, https:\/\/www.psib-psoe.org\/mallorca\/wp-content\/uploads\/Regidors-Alcudia-600x400-1-300x200.jpeg 300w, https:\/\/www.psib-psoe.org\/mallorca\/wp-content\/uploads\/Regidors-Alcudia-600x400-1-150x100.jpeg 150w, https:\/\/www.psib-psoe.org\/mallorca\/wp-content\/uploads\/Regidors-Alcudia-600x400-1-20x13.jpeg 20w\" sizes=\"(max-width: 600px) 100vw, 600px\" \/><\/figure>\n\t\t<div class=\"blog-top\">\n\t\t\t<header class=\"post-title entry-header\">\n\t\t\t\t<aside class=\"post-meta cf\">\n\t\t28\/05\/2025 \/ <a href=\"https:\/\/www.psib-psoe.org\/mallorca\/category\/federacio-de-mallorca\/\" rel=\"category tag\">Federaci\u00f3 de Mallorca<\/a>, <a href=\"https:\/\/www.psib-psoe.org\/mallorca\/category\/federacio-de-mallorca-portada\/\" rel=\"category tag\">Federaci\u00f3 de Mallorca - Portada<\/a>, <a href=\"https:\/\/www.psib-psoe.org\/mallorca\/category\/municipis\/\" rel=\"category tag\">Municipis<\/a>, <a href=\"https:\/\/www.psib-psoe.org\/mallorca\/category\/portada\/\" rel=\"category tag\">Portada<\/a><\/aside>\n\t\t\t\t<h3 itemprop=\"headline\"><a href=\"https:\/\/www.psib-psoe.org\/mallorca\/lajuntament-dalcudia-incompleix-les-normes-fiscals-de-2024-per-la-mala-gestio-economica-de-lequip-de-govern\/\" title=\"L\u2019Ajuntament d\u2019Alc\u00fadia incompleix les normes fiscals de 2024 per la mala gesti\u00f3 econ\u00f2mica de l\u2019equip de govern.\">L\u2019Ajuntament d\u2019Alc\u00fadia incompleix les normes fiscals de 2024 per la mala gesti\u00f3 econ\u00f2mica de l\u2019equip de govern.<\/a><\/h3>\n\t\t\t<\/header>\n\t\t<\/div>\n\t\t<div class=\"post-content\">\n\t\t\t<a href=\"https:\/\/www.psib-psoe.org\/mallorca\/lajuntament-dalcudia-incompleix-les-normes-fiscals-de-2024-per-la-mala-gestio-economica-de-lequip-de-govern\/\" class=\"more-link\">Read More<\/a>\n\t\t<\/div>\n\t\t\t<aside class=\"post-bottom-meta hide\">\n\t\t<strong rel=\"author\" itemprop=\"author\" class=\"author vcard\"><span class=\"fn\">Albert<\/span><\/strong>\n\t\t<time class=\"date published time\" datetime=\"2025-05-28T11:27:01+02:00\" itemprop=\"datePublished\" content=\"2025-05-28T11:27:01+02:00\">28\/05\/2025<\/time>\n\t\t<meta itemprop=\"dateModified\" class=\"date updated\" content=\"2025-05-28T11:27:14+02:00\">\n\t\t<span class=\"hide\" itemprop=\"publisher\" itemscope itemtype=\"https:\/\/schema.org\/Organization\">\n\t\t\t<meta itemprop=\"name\" content=\"SocialistesdMca\">\n\t\t\t<span itemprop=\"logo\" itemscope itemtype=\"https:\/\/schema.org\/ImageObject\">\n\t\t\t\t<meta itemprop=\"url\" content=\"https:\/\/www.psib-psoe.org\/mallorca\/wp-content\/themes\/notio-wp\/assets\/img\/logo.png\">\n\t\t\t<\/span>\n\t\t\t<meta itemprop=\"url\" content=\"https:\/\/www.psib-psoe.org\/mallorca\/\">\n\t\t<\/span>\n\t\t\t\t<span class=\"hide\" itemprop=\"image\" itemscope itemtype=\"http:\/\/schema.org\/ImageObject\">\n\t\t\t<meta itemprop=\"url\" content=\"https:\/\/www.psib-psoe.org\/mallorca\/wp-content\/uploads\/Regidors-Alcudia-600x400-1.jpeg\">\n\t\t\t<meta itemprop=\"width\" content=\"600\">\n\t\t\t<meta itemprop=\"height\" content=\"400\">\n\t\t<\/span>\n\t\t\t\t<meta itemscope itemprop=\"mainEntityOfPage\" itemtype=\"https:\/\/schema.org\/WebPage\" itemid=\"https:\/\/www.psib-psoe.org\/mallorca\/lajuntament-dalcudia-incompleix-les-normes-fiscals-de-2024-per-la-mala-gestio-economica-de-lequip-de-govern\/\">\n\t<\/aside>\n\t\t<\/article>\n<\/div>\n<div class=\"small-12 large-4 columns\">\n\t<article itemscope itemtype=\"http:\/\/schema.org\/Article\" class=\"post blog-style7 alt post-29828 type-post status-publish format-standard has-post-thumbnail hentry category-consell-de-mallorca category-federacio-de-mallorca category-federacio-de-mallorca-portada category-portada tag-amanda-fernandez tag-andreu-serra tag-bea-gamundi tag-catalina-cladera tag-consell-de-mallorca tag-federacio-socialista-de-mallorca tag-javier-de-juan tag-joan-ferrer tag-juana-m-adrover tag-maria-antonia-truyols tag-sofia-alonso\" role=\"article\">\n\t\t<figure class=\"post-gallery\"><img loading=\"lazy\" decoding=\"async\" width=\"600\" height=\"400\" src=\"https:\/\/www.psib-psoe.org\/mallorca\/wp-content\/uploads\/Catalina-DPG--600x400.jpg\" class=\"attachment-notio-general-x2 size-notio-general-x2 wp-post-image\" alt=\"\" srcset=\"https:\/\/www.psib-psoe.org\/mallorca\/wp-content\/uploads\/Catalina-DPG--600x400.jpg 600w, https:\/\/www.psib-psoe.org\/mallorca\/wp-content\/uploads\/Catalina-DPG--300x200.jpg 300w, https:\/\/www.psib-psoe.org\/mallorca\/wp-content\/uploads\/Catalina-DPG--1024x682.jpg 1024w, https:\/\/www.psib-psoe.org\/mallorca\/wp-content\/uploads\/Catalina-DPG--768x512.jpg 768w, https:\/\/www.psib-psoe.org\/mallorca\/wp-content\/uploads\/Catalina-DPG--1536x1023.jpg 1536w, https:\/\/www.psib-psoe.org\/mallorca\/wp-content\/uploads\/Catalina-DPG--150x100.jpg 150w, https:\/\/www.psib-psoe.org\/mallorca\/wp-content\/uploads\/Catalina-DPG--900x600.jpg 900w, https:\/\/www.psib-psoe.org\/mallorca\/wp-content\/uploads\/Catalina-DPG--20x13.jpg 20w, https:\/\/www.psib-psoe.org\/mallorca\/wp-content\/uploads\/Catalina-DPG-.jpg 1600w\" sizes=\"(max-width: 600px) 100vw, 600px\" \/><\/figure>\n\t\t<div class=\"blog-top\">\n\t\t\t<header class=\"post-title entry-header\">\n\t\t\t\t<aside class=\"post-meta cf\">\n\t\t27\/05\/2025 \/ <a href=\"https:\/\/www.psib-psoe.org\/mallorca\/category\/consell-de-mallorca\/\" rel=\"category tag\">Consell de Mallorca<\/a>, <a href=\"https:\/\/www.psib-psoe.org\/mallorca\/category\/federacio-de-mallorca\/\" rel=\"category tag\">Federaci\u00f3 de Mallorca<\/a>, <a href=\"https:\/\/www.psib-psoe.org\/mallorca\/category\/federacio-de-mallorca-portada\/\" rel=\"category tag\">Federaci\u00f3 de Mallorca - Portada<\/a>, <a href=\"https:\/\/www.psib-psoe.org\/mallorca\/category\/portada\/\" rel=\"category tag\">Portada<\/a><\/aside>\n\t\t\t\t<h3 itemprop=\"headline\"><a href=\"https:\/\/www.psib-psoe.org\/mallorca\/cladera-en-el-discurs-del-debat-de-politica-general-del-consell-de-mallorca-sr-galmes-lembos-es-voste\/\" title=\"Cladera en el discurs del debat de Pol\u00edtica General del Consell de Mallorca: \u201csr. Galm\u00e9s, l\u2019emb\u00f3s \u00e9s vost\u00e8\u201d.\">Cladera en el discurs del debat de Pol\u00edtica General del Consell de Mallorca: \u201csr. Galm\u00e9s, l\u2019emb\u00f3s \u00e9s vost\u00e8\u201d.<\/a><\/h3>\n\t\t\t<\/header>\n\t\t<\/div>\n\t\t<div class=\"post-content\">\n\t\t\t<a href=\"https:\/\/www.psib-psoe.org\/mallorca\/cladera-en-el-discurs-del-debat-de-politica-general-del-consell-de-mallorca-sr-galmes-lembos-es-voste\/\" class=\"more-link\">Read More<\/a>\n\t\t<\/div>\n\t\t\t<aside class=\"post-bottom-meta hide\">\n\t\t<strong rel=\"author\" itemprop=\"author\" class=\"author vcard\"><span class=\"fn\">Albert<\/span><\/strong>\n\t\t<time class=\"date published time\" datetime=\"2025-05-27T15:28:56+02:00\" itemprop=\"datePublished\" content=\"2025-05-27T15:28:56+02:00\">27\/05\/2025<\/time>\n\t\t<meta itemprop=\"dateModified\" class=\"date updated\" content=\"2025-05-27T15:29:07+02:00\">\n\t\t<span class=\"hide\" itemprop=\"publisher\" itemscope itemtype=\"https:\/\/schema.org\/Organization\">\n\t\t\t<meta itemprop=\"name\" content=\"SocialistesdMca\">\n\t\t\t<span itemprop=\"logo\" itemscope itemtype=\"https:\/\/schema.org\/ImageObject\">\n\t\t\t\t<meta itemprop=\"url\" content=\"https:\/\/www.psib-psoe.org\/mallorca\/wp-content\/themes\/notio-wp\/assets\/img\/logo.png\">\n\t\t\t<\/span>\n\t\t\t<meta itemprop=\"url\" content=\"https:\/\/www.psib-psoe.org\/mallorca\/\">\n\t\t<\/span>\n\t\t\t\t<span class=\"hide\" itemprop=\"image\" itemscope itemtype=\"http:\/\/schema.org\/ImageObject\">\n\t\t\t<meta itemprop=\"url\" content=\"https:\/\/www.psib-psoe.org\/mallorca\/wp-content\/uploads\/Catalina-DPG-.jpg\">\n\t\t\t<meta itemprop=\"width\" content=\"1600\">\n\t\t\t<meta itemprop=\"height\" content=\"1066\">\n\t\t<\/span>\n\t\t\t\t<meta itemscope itemprop=\"mainEntityOfPage\" itemtype=\"https:\/\/schema.org\/WebPage\" itemid=\"https:\/\/www.psib-psoe.org\/mallorca\/cladera-en-el-discurs-del-debat-de-politica-general-del-consell-de-mallorca-sr-galmes-lembos-es-voste\/\">\n\t<\/aside>\n\t\t<\/article>\n<\/div>\n<div class=\"small-12 large-4 columns\">\n\t<article itemscope itemtype=\"http:\/\/schema.org\/Article\" class=\"post blog-style7 alt post-29824 type-post status-publish format-standard has-post-thumbnail hentry category-15e-congres-fsm category-federacio-de-mallorca category-federacio-de-mallorca-portada category-portada tag-amanda-fernandez tag-ares-fernandez tag-catalina-cladera tag-consell-de-mallorca tag-federacio-socialista-de-mallorca tag-francina-armengol\" role=\"article\">\n\t\t<figure class=\"post-gallery\"><img loading=\"lazy\" decoding=\"async\" width=\"600\" height=\"400\" src=\"https:\/\/www.psib-psoe.org\/mallorca\/wp-content\/uploads\/executiva-260625-1-600x400.jpg\" class=\"attachment-notio-general-x2 size-notio-general-x2 wp-post-image\" alt=\"\" srcset=\"https:\/\/www.psib-psoe.org\/mallorca\/wp-content\/uploads\/executiva-260625-1-600x400.jpg 600w, https:\/\/www.psib-psoe.org\/mallorca\/wp-content\/uploads\/executiva-260625-1-300x200.jpg 300w, https:\/\/www.psib-psoe.org\/mallorca\/wp-content\/uploads\/executiva-260625-1-900x600.jpg 900w, https:\/\/www.psib-psoe.org\/mallorca\/wp-content\/uploads\/executiva-260625-1-20x13.jpg 20w\" sizes=\"(max-width: 600px) 100vw, 600px\" \/><\/figure>\n\t\t<div class=\"blog-top\">\n\t\t\t<header class=\"post-title entry-header\">\n\t\t\t\t<aside class=\"post-meta cf\">\n\t\t26\/05\/2025 \/ <a href=\"https:\/\/www.psib-psoe.org\/mallorca\/category\/15e-congres-fsm\/\" rel=\"category tag\">15\u00e8 Congr\u00e9s FSM<\/a>, <a href=\"https:\/\/www.psib-psoe.org\/mallorca\/category\/federacio-de-mallorca\/\" rel=\"category tag\">Federaci\u00f3 de Mallorca<\/a>, <a href=\"https:\/\/www.psib-psoe.org\/mallorca\/category\/federacio-de-mallorca-portada\/\" rel=\"category tag\">Federaci\u00f3 de Mallorca - Portada<\/a>, <a href=\"https:\/\/www.psib-psoe.org\/mallorca\/category\/portada\/\" rel=\"category tag\">Portada<\/a><\/aside>\n\t\t\t\t<h3 itemprop=\"headline\"><a href=\"https:\/\/www.psib-psoe.org\/mallorca\/els-socialistes-de-mallorca-exigeixen-la-finalitzacio-dels-atacs-en-contra-de-la-poblacio-de-la-franja-de-gaza-i-el-restabliment-del-subministrament-daliments\/\" title=\"Els Socialistes de Mallorca exigeixen la finalitzaci\u00f3 dels atacs en contra de la poblaci\u00f3 de la franja de Gaza, i el restabliment del subministrament d\u2019aliments.\">Els Socialistes de Mallorca exigeixen la finalitzaci\u00f3 dels atacs en contra de la poblaci\u00f3 de la franja de Gaza, i el restabliment del subministrament d\u2019aliments.<\/a><\/h3>\n\t\t\t<\/header>\n\t\t<\/div>\n\t\t<div class=\"post-content\">\n\t\t\t<a href=\"https:\/\/www.psib-psoe.org\/mallorca\/els-socialistes-de-mallorca-exigeixen-la-finalitzacio-dels-atacs-en-contra-de-la-poblacio-de-la-franja-de-gaza-i-el-restabliment-del-subministrament-daliments\/\" class=\"more-link\">Read More<\/a>\n\t\t<\/div>\n\t\t\t<aside class=\"post-bottom-meta hide\">\n\t\t<strong rel=\"author\" itemprop=\"author\" class=\"author vcard\"><span class=\"fn\">Albert<\/span><\/strong>\n\t\t<time class=\"date published time\" datetime=\"2025-05-26T19:20:21+02:00\" itemprop=\"datePublished\" content=\"2025-05-26T19:20:21+02:00\">26\/05\/2025<\/time>\n\t\t<meta itemprop=\"dateModified\" class=\"date updated\" content=\"2025-05-26T19:20:32+02:00\">\n\t\t<span class=\"hide\" itemprop=\"publisher\" itemscope itemtype=\"https:\/\/schema.org\/Organization\">\n\t\t\t<meta itemprop=\"name\" content=\"SocialistesdMca\">\n\t\t\t<span itemprop=\"logo\" itemscope itemtype=\"https:\/\/schema.org\/ImageObject\">\n\t\t\t\t<meta itemprop=\"url\" content=\"https:\/\/www.psib-psoe.org\/mallorca\/wp-content\/themes\/notio-wp\/assets\/img\/logo.png\">\n\t\t\t<\/span>\n\t\t\t<meta itemprop=\"url\" content=\"https:\/\/www.psib-psoe.org\/mallorca\/\">\n\t\t<\/span>\n\t\t\t\t<span class=\"hide\" itemprop=\"image\" itemscope itemtype=\"http:\/\/schema.org\/ImageObject\">\n\t\t\t<meta itemprop=\"url\" content=\"https:\/\/www.psib-psoe.org\/mallorca\/wp-content\/uploads\/executiva-260625-1.jpg\">\n\t\t\t<meta itemprop=\"width\" content=\"1600\">\n\t\t\t<meta itemprop=\"height\" content=\"1200\">\n\t\t<\/span>\n\t\t\t\t<meta itemscope itemprop=\"mainEntityOfPage\" itemtype=\"https:\/\/schema.org\/WebPage\" itemid=\"https:\/\/www.psib-psoe.org\/mallorca\/els-socialistes-de-mallorca-exigeixen-la-finalitzacio-dels-atacs-en-contra-de-la-poblacio-de-la-franja-de-gaza-i-el-restabliment-del-subministrament-daliments\/\">\n\t<\/aside>\n\t\t<\/article>\n<\/div>\n<div class=\"small-12 large-4 columns\">\n\t<article itemscope itemtype=\"http:\/\/schema.org\/Article\" class=\"post blog-style7 alt post-29820 type-post status-publish format-standard has-post-thumbnail hentry category-consell-de-mallorca category-federacio-de-mallorca category-federacio-de-mallorca-portada category-portada tag-amanda-fernandez tag-andreu-serra tag-bea-gamundi tag-catalina-cladera tag-consell-de-mallorca tag-federacio-socialista-de-mallorca tag-javier-de-juan tag-joan-ferrer tag-juana-m-adrover tag-maria-antonia-truyols tag-sofia-alonso\" role=\"article\">\n\t\t<figure class=\"post-gallery\"><img loading=\"lazy\" decoding=\"async\" width=\"600\" height=\"400\" src=\"https:\/\/www.psib-psoe.org\/mallorca\/wp-content\/uploads\/Grup-DPG-600x400.jpg\" class=\"attachment-notio-general-x2 size-notio-general-x2 wp-post-image\" alt=\"\" srcset=\"https:\/\/www.psib-psoe.org\/mallorca\/wp-content\/uploads\/Grup-DPG-600x400.jpg 600w, https:\/\/www.psib-psoe.org\/mallorca\/wp-content\/uploads\/Grup-DPG-300x200.jpg 300w, https:\/\/www.psib-psoe.org\/mallorca\/wp-content\/uploads\/Grup-DPG-900x600.jpg 900w, https:\/\/www.psib-psoe.org\/mallorca\/wp-content\/uploads\/Grup-DPG-20x13.jpg 20w\" sizes=\"(max-width: 600px) 100vw, 600px\" \/><\/figure>\n\t\t<div class=\"blog-top\">\n\t\t\t<header class=\"post-title entry-header\">\n\t\t\t\t<aside class=\"post-meta cf\">\n\t\t26\/05\/2025 \/ <a href=\"https:\/\/www.psib-psoe.org\/mallorca\/category\/consell-de-mallorca\/\" rel=\"category tag\">Consell de Mallorca<\/a>, <a href=\"https:\/\/www.psib-psoe.org\/mallorca\/category\/federacio-de-mallorca\/\" rel=\"category tag\">Federaci\u00f3 de Mallorca<\/a>, <a href=\"https:\/\/www.psib-psoe.org\/mallorca\/category\/federacio-de-mallorca-portada\/\" rel=\"category tag\">Federaci\u00f3 de Mallorca - Portada<\/a>, <a href=\"https:\/\/www.psib-psoe.org\/mallorca\/category\/portada\/\" rel=\"category tag\">Portada<\/a><\/aside>\n\t\t\t\t<h3 itemprop=\"headline\"><a href=\"https:\/\/www.psib-psoe.org\/mallorca\/cladera-galmes-ha-fet-un-discurs-dirigit-a-loposicio-en-comptes-de-parlar-dels-problemes-dels-ciutadans\/\" title=\"Cladera: \u201cGalm\u00e9s ha fet un discurs dirigit a l\u2019oposici\u00f3 en comptes de parlar dels problemes dels ciutadans\u201d.\">Cladera: \u201cGalm\u00e9s ha fet un discurs dirigit a l\u2019oposici\u00f3 en comptes de parlar dels problemes dels ciutadans\u201d.<\/a><\/h3>\n\t\t\t<\/header>\n\t\t<\/div>\n\t\t<div class=\"post-content\">\n\t\t\t<a href=\"https:\/\/www.psib-psoe.org\/mallorca\/cladera-galmes-ha-fet-un-discurs-dirigit-a-loposicio-en-comptes-de-parlar-dels-problemes-dels-ciutadans\/\" class=\"more-link\">Read More<\/a>\n\t\t<\/div>\n\t\t\t<aside class=\"post-bottom-meta hide\">\n\t\t<strong rel=\"author\" itemprop=\"author\" class=\"author vcard\"><span class=\"fn\">Albert<\/span><\/strong>\n\t\t<time class=\"date published time\" datetime=\"2025-05-26T15:31:37+02:00\" itemprop=\"datePublished\" content=\"2025-05-26T15:31:37+02:00\">26\/05\/2025<\/time>\n\t\t<meta itemprop=\"dateModified\" class=\"date updated\" content=\"2025-05-26T15:31:49+02:00\">\n\t\t<span class=\"hide\" itemprop=\"publisher\" itemscope itemtype=\"https:\/\/schema.org\/Organization\">\n\t\t\t<meta itemprop=\"name\" content=\"SocialistesdMca\">\n\t\t\t<span itemprop=\"logo\" itemscope itemtype=\"https:\/\/schema.org\/ImageObject\">\n\t\t\t\t<meta itemprop=\"url\" content=\"https:\/\/www.psib-psoe.org\/mallorca\/wp-content\/themes\/notio-wp\/assets\/img\/logo.png\">\n\t\t\t<\/span>\n\t\t\t<meta itemprop=\"url\" content=\"https:\/\/www.psib-psoe.org\/mallorca\/\">\n\t\t<\/span>\n\t\t\t\t<span class=\"hide\" itemprop=\"image\" itemscope itemtype=\"http:\/\/schema.org\/ImageObject\">\n\t\t\t<meta itemprop=\"url\" content=\"https:\/\/www.psib-psoe.org\/mallorca\/wp-content\/uploads\/Grup-DPG.jpg\">\n\t\t\t<meta itemprop=\"width\" content=\"2048\">\n\t\t\t<meta itemprop=\"height\" content=\"1536\">\n\t\t<\/span>\n\t\t\t\t<meta itemscope itemprop=\"mainEntityOfPage\" itemtype=\"https:\/\/schema.org\/WebPage\" itemid=\"https:\/\/www.psib-psoe.org\/mallorca\/cladera-galmes-ha-fet-un-discurs-dirigit-a-loposicio-en-comptes-de-parlar-dels-problemes-dels-ciutadans\/\">\n\t<\/aside>\n\t\t<\/article>\n<\/div>\n<div class=\"small-12 large-4 columns\">\n\t<article itemscope itemtype=\"http:\/\/schema.org\/Article\" class=\"post blog-style7 alt post-29817 type-post status-publish format-standard has-post-thumbnail hentry category-federacio-de-mallorca category-federacio-de-mallorca-portada category-municipis category-portada tag-amanda-fernandez tag-ares-fernandez tag-federacio-socialista-de-mallorca tag-jaume-j-oliver tag-llucmajor tag-socialistes-de-llucmajor\" role=\"article\">\n\t\t<figure class=\"post-gallery\"><img loading=\"lazy\" decoding=\"async\" width=\"600\" height=\"400\" src=\"https:\/\/www.psib-psoe.org\/mallorca\/wp-content\/uploads\/260525-Foto-Arxiu-Socialistes-Llucmajor-600x400.jpeg\" class=\"attachment-notio-general-x2 size-notio-general-x2 wp-post-image\" alt=\"\" srcset=\"https:\/\/www.psib-psoe.org\/mallorca\/wp-content\/uploads\/260525-Foto-Arxiu-Socialistes-Llucmajor-600x400.jpeg 600w, https:\/\/www.psib-psoe.org\/mallorca\/wp-content\/uploads\/260525-Foto-Arxiu-Socialistes-Llucmajor-300x200.jpeg 300w, https:\/\/www.psib-psoe.org\/mallorca\/wp-content\/uploads\/260525-Foto-Arxiu-Socialistes-Llucmajor-900x600.jpeg 900w, https:\/\/www.psib-psoe.org\/mallorca\/wp-content\/uploads\/260525-Foto-Arxiu-Socialistes-Llucmajor-20x13.jpeg 20w\" sizes=\"(max-width: 600px) 100vw, 600px\" \/><\/figure>\n\t\t<div class=\"blog-top\">\n\t\t\t<header class=\"post-title entry-header\">\n\t\t\t\t<aside class=\"post-meta cf\">\n\t\t26\/05\/2025 \/ <a href=\"https:\/\/www.psib-psoe.org\/mallorca\/category\/federacio-de-mallorca\/\" rel=\"category tag\">Federaci\u00f3 de Mallorca<\/a>, <a href=\"https:\/\/www.psib-psoe.org\/mallorca\/category\/federacio-de-mallorca-portada\/\" rel=\"category tag\">Federaci\u00f3 de Mallorca - Portada<\/a>, <a href=\"https:\/\/www.psib-psoe.org\/mallorca\/category\/municipis\/\" rel=\"category tag\">Municipis<\/a>, <a href=\"https:\/\/www.psib-psoe.org\/mallorca\/category\/portada\/\" rel=\"category tag\">Portada<\/a><\/aside>\n\t\t\t\t<h3 itemprop=\"headline\"><a href=\"https:\/\/www.psib-psoe.org\/mallorca\/els-socialistes-de-llucmajor-afirmen-que-el-pressupost-municipal-de-2025-que-sha-presentat-avui-al-ple-esta-fora-de-termini-es-fictici-i-no-aporta-solucions-reals-per-als-llucmajorers\/\" title=\"Els Socialistes de Llucmajor afirmen que el Pressupost municipal de 2025 que s\u2019ha presentat avui al ple est\u00e0 fora de termini, \u00e9s fictici i no aporta solucions reals per als llucmajorers\">Els Socialistes de Llucmajor afirmen que el Pressupost municipal de 2025 que s\u2019ha presentat avui al ple est\u00e0 fora de termini, \u00e9s fictici i no aporta solucions reals per als llucmajorers<\/a><\/h3>\n\t\t\t<\/header>\n\t\t<\/div>\n\t\t<div class=\"post-content\">\n\t\t\t<a href=\"https:\/\/www.psib-psoe.org\/mallorca\/els-socialistes-de-llucmajor-afirmen-que-el-pressupost-municipal-de-2025-que-sha-presentat-avui-al-ple-esta-fora-de-termini-es-fictici-i-no-aporta-solucions-reals-per-als-llucmajorers\/\" class=\"more-link\">Read More<\/a>\n\t\t<\/div>\n\t\t\t<aside class=\"post-bottom-meta hide\">\n\t\t<strong rel=\"author\" itemprop=\"author\" class=\"author vcard\"><span class=\"fn\">Marc<\/span><\/strong>\n\t\t<time class=\"date published time\" datetime=\"2025-05-26T13:48:38+02:00\" itemprop=\"datePublished\" content=\"2025-05-26T13:48:38+02:00\">26\/05\/2025<\/time>\n\t\t<meta itemprop=\"dateModified\" class=\"date updated\" content=\"2025-05-26T13:48:49+02:00\">\n\t\t<span class=\"hide\" itemprop=\"publisher\" itemscope itemtype=\"https:\/\/schema.org\/Organization\">\n\t\t\t<meta itemprop=\"name\" content=\"SocialistesdMca\">\n\t\t\t<span itemprop=\"logo\" itemscope itemtype=\"https:\/\/schema.org\/ImageObject\">\n\t\t\t\t<meta itemprop=\"url\" content=\"https:\/\/www.psib-psoe.org\/mallorca\/wp-content\/themes\/notio-wp\/assets\/img\/logo.png\">\n\t\t\t<\/span>\n\t\t\t<meta itemprop=\"url\" content=\"https:\/\/www.psib-psoe.org\/mallorca\/\">\n\t\t<\/span>\n\t\t\t\t<span class=\"hide\" itemprop=\"image\" itemscope itemtype=\"http:\/\/schema.org\/ImageObject\">\n\t\t\t<meta itemprop=\"url\" content=\"https:\/\/www.psib-psoe.org\/mallorca\/wp-content\/uploads\/260525-Foto-Arxiu-Socialistes-Llucmajor.jpeg\">\n\t\t\t<meta itemprop=\"width\" content=\"1200\">\n\t\t\t<meta itemprop=\"height\" content=\"1600\">\n\t\t<\/span>\n\t\t\t\t<meta itemscope itemprop=\"mainEntityOfPage\" itemtype=\"https:\/\/schema.org\/WebPage\" itemid=\"https:\/\/www.psib-psoe.org\/mallorca\/els-socialistes-de-llucmajor-afirmen-que-el-pressupost-municipal-de-2025-que-sha-presentat-avui-al-ple-esta-fora-de-termini-es-fictici-i-no-aporta-solucions-reals-per-als-llucmajorers\/\">\n\t<\/aside>\n\t\t<\/article>\n<\/div>\n<div class=\"small-12 large-4 columns\">\n\t<article itemscope itemtype=\"http:\/\/schema.org\/Article\" class=\"post blog-style7 alt post-29814 type-post status-publish format-standard has-post-thumbnail hentry category-federacio-de-mallorca category-federacio-de-mallorca-portada category-municipis category-portada tag-amanda-fernandez tag-ares-fernandez tag-federacio-socialista-de-mallorca tag-pep-gall tag-sant-llorenc\" role=\"article\">\n\t\t<figure class=\"post-gallery\"><img loading=\"lazy\" decoding=\"async\" width=\"600\" height=\"400\" src=\"https:\/\/www.psib-psoe.org\/mallorca\/wp-content\/uploads\/260525_Nova-Executiva-St-Llorenc-3-600x400.jpeg\" class=\"attachment-notio-general-x2 size-notio-general-x2 wp-post-image\" alt=\"\" srcset=\"https:\/\/www.psib-psoe.org\/mallorca\/wp-content\/uploads\/260525_Nova-Executiva-St-Llorenc-3-600x400.jpeg 600w, https:\/\/www.psib-psoe.org\/mallorca\/wp-content\/uploads\/260525_Nova-Executiva-St-Llorenc-3-300x200.jpeg 300w, https:\/\/www.psib-psoe.org\/mallorca\/wp-content\/uploads\/260525_Nova-Executiva-St-Llorenc-3-900x600.jpeg 900w, https:\/\/www.psib-psoe.org\/mallorca\/wp-content\/uploads\/260525_Nova-Executiva-St-Llorenc-3-20x13.jpeg 20w\" sizes=\"(max-width: 600px) 100vw, 600px\" \/><\/figure>\n\t\t<div class=\"blog-top\">\n\t\t\t<header class=\"post-title entry-header\">\n\t\t\t\t<aside class=\"post-meta cf\">\n\t\t26\/05\/2025 \/ <a href=\"https:\/\/www.psib-psoe.org\/mallorca\/category\/federacio-de-mallorca\/\" rel=\"category tag\">Federaci\u00f3 de Mallorca<\/a>, <a href=\"https:\/\/www.psib-psoe.org\/mallorca\/category\/federacio-de-mallorca-portada\/\" rel=\"category tag\">Federaci\u00f3 de Mallorca - Portada<\/a>, <a href=\"https:\/\/www.psib-psoe.org\/mallorca\/category\/municipis\/\" rel=\"category tag\">Municipis<\/a>, <a href=\"https:\/\/www.psib-psoe.org\/mallorca\/category\/portada\/\" rel=\"category tag\">Portada<\/a><\/aside>\n\t\t\t\t<h3 itemprop=\"headline\"><a href=\"https:\/\/www.psib-psoe.org\/mallorca\/pep-jaume-umbert-pep-gall-elegit-nou-secretari-general-de-lagrupacio-socialista-de-sant-llorenc\/\" title=\"Pep Jaume Umbert \u2018Pep Gall\u2019 elegit nou secretari general de l\u2019Agrupaci\u00f3 Socialista de Sant Lloren\u00e7\">Pep Jaume Umbert \u2018Pep Gall\u2019 elegit nou secretari general de l\u2019Agrupaci\u00f3 Socialista de Sant Lloren\u00e7<\/a><\/h3>\n\t\t\t<\/header>\n\t\t<\/div>\n\t\t<div class=\"post-content\">\n\t\t\t<a href=\"https:\/\/www.psib-psoe.org\/mallorca\/pep-jaume-umbert-pep-gall-elegit-nou-secretari-general-de-lagrupacio-socialista-de-sant-llorenc\/\" class=\"more-link\">Read More<\/a>\n\t\t<\/div>\n\t\t\t<aside class=\"post-bottom-meta hide\">\n\t\t<strong rel=\"author\" itemprop=\"author\" class=\"author vcard\"><span class=\"fn\">Marc<\/span><\/strong>\n\t\t<time class=\"date published time\" datetime=\"2025-05-26T13:00:16+02:00\" itemprop=\"datePublished\" content=\"2025-05-26T13:00:16+02:00\">26\/05\/2025<\/time>\n\t\t<meta itemprop=\"dateModified\" class=\"date updated\" content=\"2025-05-26T13:00:28+02:00\">\n\t\t<span class=\"hide\" itemprop=\"publisher\" itemscope itemtype=\"https:\/\/schema.org\/Organization\">\n\t\t\t<meta itemprop=\"name\" content=\"SocialistesdMca\">\n\t\t\t<span itemprop=\"logo\" itemscope itemtype=\"https:\/\/schema.org\/ImageObject\">\n\t\t\t\t<meta itemprop=\"url\" content=\"https:\/\/www.psib-psoe.org\/mallorca\/wp-content\/themes\/notio-wp\/assets\/img\/logo.png\">\n\t\t\t<\/span>\n\t\t\t<meta itemprop=\"url\" content=\"https:\/\/www.psib-psoe.org\/mallorca\/\">\n\t\t<\/span>\n\t\t\t\t<span class=\"hide\" itemprop=\"image\" itemscope itemtype=\"http:\/\/schema.org\/ImageObject\">\n\t\t\t<meta itemprop=\"url\" content=\"https:\/\/www.psib-psoe.org\/mallorca\/wp-content\/uploads\/260525_Nova-Executiva-St-Llorenc-3.jpeg\">\n\t\t\t<meta itemprop=\"width\" content=\"2048\">\n\t\t\t<meta itemprop=\"height\" content=\"1536\">\n\t\t<\/span>\n\t\t\t\t<meta itemscope itemprop=\"mainEntityOfPage\" itemtype=\"https:\/\/schema.org\/WebPage\" itemid=\"https:\/\/www.psib-psoe.org\/mallorca\/pep-jaume-umbert-pep-gall-elegit-nou-secretari-general-de-lagrupacio-socialista-de-sant-llorenc\/\">\n\t<\/aside>\n\t\t<\/article>\n<\/div>\n<div class=\"small-12 large-4 columns\">\n\t<article itemscope itemtype=\"http:\/\/schema.org\/Article\" class=\"post blog-style7 alt post-29812 type-post status-publish format-standard has-post-thumbnail hentry category-consell-de-mallorca category-federacio-de-mallorca category-federacio-de-mallorca-portada category-municipis category-portada tag-amanda-fernandez tag-andreu-serra tag-bea-gamundi tag-catalina-cladera tag-consell-de-mallorca tag-federacio-socialista-de-mallorca tag-javier-de-juan tag-joan-ferrer tag-juana-m-adrover tag-maria-antonia-truyols tag-sofia-alonso\" role=\"article\">\n\t\t<figure class=\"post-gallery\"><img loading=\"lazy\" decoding=\"async\" width=\"600\" height=\"400\" src=\"https:\/\/www.psib-psoe.org\/mallorca\/wp-content\/uploads\/Ple-extr-160425-600x400.jpg\" class=\"attachment-notio-general-x2 size-notio-general-x2 wp-post-image\" alt=\"\" srcset=\"https:\/\/www.psib-psoe.org\/mallorca\/wp-content\/uploads\/Ple-extr-160425-600x400.jpg 600w, https:\/\/www.psib-psoe.org\/mallorca\/wp-content\/uploads\/Ple-extr-160425-300x200.jpg 300w, https:\/\/www.psib-psoe.org\/mallorca\/wp-content\/uploads\/Ple-extr-160425-900x600.jpg 900w, https:\/\/www.psib-psoe.org\/mallorca\/wp-content\/uploads\/Ple-extr-160425-20x13.jpg 20w\" sizes=\"(max-width: 600px) 100vw, 600px\" \/><\/figure>\n\t\t<div class=\"blog-top\">\n\t\t\t<header class=\"post-title entry-header\">\n\t\t\t\t<aside class=\"post-meta cf\">\n\t\t26\/05\/2025 \/ <a href=\"https:\/\/www.psib-psoe.org\/mallorca\/category\/consell-de-mallorca\/\" rel=\"category tag\">Consell de Mallorca<\/a>, <a href=\"https:\/\/www.psib-psoe.org\/mallorca\/category\/federacio-de-mallorca\/\" rel=\"category tag\">Federaci\u00f3 de Mallorca<\/a>, <a href=\"https:\/\/www.psib-psoe.org\/mallorca\/category\/federacio-de-mallorca-portada\/\" rel=\"category tag\">Federaci\u00f3 de Mallorca - Portada<\/a>, <a href=\"https:\/\/www.psib-psoe.org\/mallorca\/category\/municipis\/\" rel=\"category tag\">Municipis<\/a>, <a href=\"https:\/\/www.psib-psoe.org\/mallorca\/category\/portada\/\" rel=\"category tag\">Portada<\/a><\/aside>\n\t\t\t\t<h3 itemprop=\"headline\"><a href=\"https:\/\/www.psib-psoe.org\/mallorca\/el-grup-socialista-denuncia-lincompliment-de-8-de-cada-10-acords-de-govern-de-ppvox-per-mallorca\/\" title=\"El Grup Socialista denuncia l\u2019incompliment de 8 de cada 10 acords de govern de PPVox per Mallorca.\">El Grup Socialista denuncia l\u2019incompliment de 8 de cada 10 acords de govern de PPVox per Mallorca.<\/a><\/h3>\n\t\t\t<\/header>\n\t\t<\/div>\n\t\t<div class=\"post-content\">\n\t\t\t<a href=\"https:\/\/www.psib-psoe.org\/mallorca\/el-grup-socialista-denuncia-lincompliment-de-8-de-cada-10-acords-de-govern-de-ppvox-per-mallorca\/\" class=\"more-link\">Read More<\/a>\n\t\t<\/div>\n\t\t\t<aside class=\"post-bottom-meta hide\">\n\t\t<strong rel=\"author\" itemprop=\"author\" class=\"author vcard\"><span class=\"fn\">Albert<\/span><\/strong>\n\t\t<time class=\"date published time\" datetime=\"2025-05-26T08:52:24+02:00\" itemprop=\"datePublished\" content=\"2025-05-26T08:52:24+02:00\">26\/05\/2025<\/time>\n\t\t<meta itemprop=\"dateModified\" class=\"date updated\" content=\"2025-05-26T08:52:35+02:00\">\n\t\t<span class=\"hide\" itemprop=\"publisher\" itemscope itemtype=\"https:\/\/schema.org\/Organization\">\n\t\t\t<meta itemprop=\"name\" content=\"SocialistesdMca\">\n\t\t\t<span itemprop=\"logo\" itemscope itemtype=\"https:\/\/schema.org\/ImageObject\">\n\t\t\t\t<meta itemprop=\"url\" content=\"https:\/\/www.psib-psoe.org\/mallorca\/wp-content\/themes\/notio-wp\/assets\/img\/logo.png\">\n\t\t\t<\/span>\n\t\t\t<meta itemprop=\"url\" content=\"https:\/\/www.psib-psoe.org\/mallorca\/\">\n\t\t<\/span>\n\t\t\t\t<span class=\"hide\" itemprop=\"image\" itemscope itemtype=\"http:\/\/schema.org\/ImageObject\">\n\t\t\t<meta itemprop=\"url\" content=\"https:\/\/www.psib-psoe.org\/mallorca\/wp-content\/uploads\/Ple-extr-160425-scaled.jpg\">\n\t\t\t<meta itemprop=\"width\" content=\"2560\">\n\t\t\t<meta itemprop=\"height\" content=\"1920\">\n\t\t<\/span>\n\t\t\t\t<meta itemscope itemprop=\"mainEntityOfPage\" itemtype=\"https:\/\/schema.org\/WebPage\" itemid=\"https:\/\/www.psib-psoe.org\/mallorca\/el-grup-socialista-denuncia-lincompliment-de-8-de-cada-10-acords-de-govern-de-ppvox-per-mallorca\/\">\n\t<\/aside>\n\t\t<\/article>\n<\/div>\n<div class=\"small-12 large-4 columns\">\n\t<article itemscope itemtype=\"http:\/\/schema.org\/Article\" class=\"post blog-style7 alt post-29809 type-post status-publish format-standard has-post-thumbnail hentry category-federacio-de-mallorca category-federacio-de-mallorca-portada category-municipis category-portada tag-agrupacio-socialista-sa-pobla tag-amanda-fernandez tag-federacio-socialista-de-mallorca tag-psib-psoe tag-sa-pobla tag-xesca-mir\" role=\"article\">\n\t\t<figure class=\"post-gallery\"><img loading=\"lazy\" decoding=\"async\" width=\"600\" height=\"400\" src=\"https:\/\/www.psib-psoe.org\/mallorca\/wp-content\/uploads\/Sa-Pobla-depuradora-600x400.jpg\" class=\"attachment-notio-general-x2 size-notio-general-x2 wp-post-image\" alt=\"\" srcset=\"https:\/\/www.psib-psoe.org\/mallorca\/wp-content\/uploads\/Sa-Pobla-depuradora-600x400.jpg 600w, https:\/\/www.psib-psoe.org\/mallorca\/wp-content\/uploads\/Sa-Pobla-depuradora-300x200.jpg 300w, https:\/\/www.psib-psoe.org\/mallorca\/wp-content\/uploads\/Sa-Pobla-depuradora-900x600.jpg 900w, https:\/\/www.psib-psoe.org\/mallorca\/wp-content\/uploads\/Sa-Pobla-depuradora-20x13.jpg 20w\" sizes=\"(max-width: 600px) 100vw, 600px\" \/><\/figure>\n\t\t<div class=\"blog-top\">\n\t\t\t<header class=\"post-title entry-header\">\n\t\t\t\t<aside class=\"post-meta cf\">\n\t\t24\/05\/2025 \/ <a href=\"https:\/\/www.psib-psoe.org\/mallorca\/category\/federacio-de-mallorca\/\" rel=\"category tag\">Federaci\u00f3 de Mallorca<\/a>, <a href=\"https:\/\/www.psib-psoe.org\/mallorca\/category\/federacio-de-mallorca-portada\/\" rel=\"category tag\">Federaci\u00f3 de Mallorca - Portada<\/a>, <a href=\"https:\/\/www.psib-psoe.org\/mallorca\/category\/municipis\/\" rel=\"category tag\">Municipis<\/a>, <a href=\"https:\/\/www.psib-psoe.org\/mallorca\/category\/portada\/\" rel=\"category tag\">Portada<\/a><\/aside>\n\t\t\t\t<h3 itemprop=\"headline\"><a href=\"https:\/\/www.psib-psoe.org\/mallorca\/sa-pobla-estrena-una-depuradora-que-incrementa-la-capacitat-de-tractament-en-un-54-en-un-projecte-liderat-pels-socialistes-durant-la-passada-legislatura\/\" title=\"Sa Pobla estrena una depuradora que incrementa la capacitat de tractament en un 54%, en un projecte liderat pels socialistes durant la passada legislatura.\">Sa Pobla estrena una depuradora que incrementa la capacitat de tractament en un 54%, en un projecte liderat pels socialistes durant la passada legislatura.<\/a><\/h3>\n\t\t\t<\/header>\n\t\t<\/div>\n\t\t<div class=\"post-content\">\n\t\t\t<a href=\"https:\/\/www.psib-psoe.org\/mallorca\/sa-pobla-estrena-una-depuradora-que-incrementa-la-capacitat-de-tractament-en-un-54-en-un-projecte-liderat-pels-socialistes-durant-la-passada-legislatura\/\" class=\"more-link\">Read More<\/a>\n\t\t<\/div>\n\t\t\t<aside class=\"post-bottom-meta hide\">\n\t\t<strong rel=\"author\" itemprop=\"author\" class=\"author vcard\"><span class=\"fn\">Albert<\/span><\/strong>\n\t\t<time class=\"date published time\" datetime=\"2025-05-24T08:55:09+02:00\" itemprop=\"datePublished\" content=\"2025-05-24T08:55:09+02:00\">24\/05\/2025<\/time>\n\t\t<meta itemprop=\"dateModified\" class=\"date updated\" content=\"2025-05-24T08:55:21+02:00\">\n\t\t<span class=\"hide\" itemprop=\"publisher\" itemscope itemtype=\"https:\/\/schema.org\/Organization\">\n\t\t\t<meta itemprop=\"name\" content=\"SocialistesdMca\">\n\t\t\t<span itemprop=\"logo\" itemscope itemtype=\"https:\/\/schema.org\/ImageObject\">\n\t\t\t\t<meta itemprop=\"url\" content=\"https:\/\/www.psib-psoe.org\/mallorca\/wp-content\/themes\/notio-wp\/assets\/img\/logo.png\">\n\t\t\t<\/span>\n\t\t\t<meta itemprop=\"url\" content=\"https:\/\/www.psib-psoe.org\/mallorca\/\">\n\t\t<\/span>\n\t\t\t\t<span class=\"hide\" itemprop=\"image\" itemscope itemtype=\"http:\/\/schema.org\/ImageObject\">\n\t\t\t<meta itemprop=\"url\" content=\"https:\/\/www.psib-psoe.org\/mallorca\/wp-content\/uploads\/Sa-Pobla-depuradora.jpg\">\n\t\t\t<meta itemprop=\"width\" content=\"1170\">\n\t\t\t<meta itemprop=\"height\" content=\"1142\">\n\t\t<\/span>\n\t\t\t\t<meta itemscope itemprop=\"mainEntityOfPage\" itemtype=\"https:\/\/schema.org\/WebPage\" itemid=\"https:\/\/www.psib-psoe.org\/mallorca\/sa-pobla-estrena-una-depuradora-que-incrementa-la-capacitat-de-tractament-en-un-54-en-un-projecte-liderat-pels-socialistes-durant-la-passada-legislatura\/\">\n\t<\/aside>\n\t\t<\/article>\n<\/div>\n<div class=\"small-12 large-4 columns\">\n\t<article itemscope itemtype=\"http:\/\/schema.org\/Article\" class=\"post blog-style7 alt post-29804 type-post status-publish format-standard has-post-thumbnail hentry category-consell-de-mallorca category-federacio-de-mallorca category-federacio-de-mallorca-portada category-portada tag-amanda-fernandez tag-andreu-serra tag-bea-gamundi tag-catalina-cladera tag-consell-de-mallorca tag-federacio-socialista-de-mallorca tag-javier-de-juan tag-joan-ferrer tag-juana-m-adrover tag-maria-antonia-truyols tag-sofia-alonso\" role=\"article\">\n\t\t<figure class=\"post-gallery\"><img loading=\"lazy\" decoding=\"async\" width=\"600\" height=\"400\" src=\"https:\/\/www.psib-psoe.org\/mallorca\/wp-content\/uploads\/Cladera-Alonso--600x400.jpg\" class=\"attachment-notio-general-x2 size-notio-general-x2 wp-post-image\" alt=\"\" srcset=\"https:\/\/www.psib-psoe.org\/mallorca\/wp-content\/uploads\/Cladera-Alonso--600x400.jpg 600w, https:\/\/www.psib-psoe.org\/mallorca\/wp-content\/uploads\/Cladera-Alonso--300x200.jpg 300w, https:\/\/www.psib-psoe.org\/mallorca\/wp-content\/uploads\/Cladera-Alonso--900x600.jpg 900w, https:\/\/www.psib-psoe.org\/mallorca\/wp-content\/uploads\/Cladera-Alonso--20x13.jpg 20w\" sizes=\"(max-width: 600px) 100vw, 600px\" \/><\/figure>\n\t\t<div class=\"blog-top\">\n\t\t\t<header class=\"post-title entry-header\">\n\t\t\t\t<aside class=\"post-meta cf\">\n\t\t22\/05\/2025 \/ <a href=\"https:\/\/www.psib-psoe.org\/mallorca\/category\/consell-de-mallorca\/\" rel=\"category tag\">Consell de Mallorca<\/a>, <a href=\"https:\/\/www.psib-psoe.org\/mallorca\/category\/federacio-de-mallorca\/\" rel=\"category tag\">Federaci\u00f3 de Mallorca<\/a>, <a href=\"https:\/\/www.psib-psoe.org\/mallorca\/category\/federacio-de-mallorca-portada\/\" rel=\"category tag\">Federaci\u00f3 de Mallorca - Portada<\/a>, <a href=\"https:\/\/www.psib-psoe.org\/mallorca\/category\/portada\/\" rel=\"category tag\">Portada<\/a><\/aside>\n\t\t\t\t<h3 itemprop=\"headline\"><a href=\"https:\/\/www.psib-psoe.org\/mallorca\/la-deficient-gestio-de-limas-provoca-que-hi-hagi-320-places-de-residencies-de-gent-gran-que-no-sofereixen-mentre-que-la-llista-despera-supera-les-2-200-peticions\/\" title=\"La deficient gesti\u00f3 de l\u2019IMAS provoca que hi hagi 320 places de resid\u00e8ncies de gent gran que no s\u2019ofereixen mentre que la llista d\u2019espera supera les 2.200 peticions\">La deficient gesti\u00f3 de l\u2019IMAS provoca que hi hagi 320 places de resid\u00e8ncies de gent gran que no s\u2019ofereixen mentre que la llista d\u2019espera supera les 2.200 peticions<\/a><\/h3>\n\t\t\t<\/header>\n\t\t<\/div>\n\t\t<div class=\"post-content\">\n\t\t\t<a href=\"https:\/\/www.psib-psoe.org\/mallorca\/la-deficient-gestio-de-limas-provoca-que-hi-hagi-320-places-de-residencies-de-gent-gran-que-no-sofereixen-mentre-que-la-llista-despera-supera-les-2-200-peticions\/\" class=\"more-link\">Read More<\/a>\n\t\t<\/div>\n\t\t\t<aside class=\"post-bottom-meta hide\">\n\t\t<strong rel=\"author\" itemprop=\"author\" class=\"author vcard\"><span class=\"fn\">Albert<\/span><\/strong>\n\t\t<time class=\"date published time\" datetime=\"2025-05-22T14:06:27+02:00\" itemprop=\"datePublished\" content=\"2025-05-22T14:06:27+02:00\">22\/05\/2025<\/time>\n\t\t<meta itemprop=\"dateModified\" class=\"date updated\" content=\"2025-05-22T14:06:39+02:00\">\n\t\t<span class=\"hide\" itemprop=\"publisher\" itemscope itemtype=\"https:\/\/schema.org\/Organization\">\n\t\t\t<meta itemprop=\"name\" content=\"SocialistesdMca\">\n\t\t\t<span itemprop=\"logo\" itemscope itemtype=\"https:\/\/schema.org\/ImageObject\">\n\t\t\t\t<meta itemprop=\"url\" content=\"https:\/\/www.psib-psoe.org\/mallorca\/wp-content\/themes\/notio-wp\/assets\/img\/logo.png\">\n\t\t\t<\/span>\n\t\t\t<meta itemprop=\"url\" content=\"https:\/\/www.psib-psoe.org\/mallorca\/\">\n\t\t<\/span>\n\t\t\t\t<span class=\"hide\" itemprop=\"image\" itemscope itemtype=\"http:\/\/schema.org\/ImageObject\">\n\t\t\t<meta itemprop=\"url\" content=\"https:\/\/www.psib-psoe.org\/mallorca\/wp-content\/uploads\/Cladera-Alonso-.jpg\">\n\t\t\t<meta itemprop=\"width\" content=\"2560\">\n\t\t\t<meta itemprop=\"height\" content=\"1920\">\n\t\t<\/span>\n\t\t\t\t<meta itemscope itemprop=\"mainEntityOfPage\" itemtype=\"https:\/\/schema.org\/WebPage\" itemid=\"https:\/\/www.psib-psoe.org\/mallorca\/la-deficient-gestio-de-limas-provoca-que-hi-hagi-320-places-de-residencies-de-gent-gran-que-no-sofereixen-mentre-que-la-llista-despera-supera-les-2-200-peticions\/\">\n\t<\/aside>\n\t\t<\/article>\n<\/div>\n<div class=\"small-12 large-4 columns\">\n\t<article itemscope itemtype=\"http:\/\/schema.org\/Article\" class=\"post blog-style7 alt post-29797 type-post status-publish format-standard has-post-thumbnail hentry category-federacio-de-mallorca category-federacio-de-mallorca-portada category-municipis category-portada tag-agrupacio-socialista-dalcudia tag-amanda-fernandez tag-ares-fernandez tag-arnau-miralles tag-bea-gamundi tag-catalina-cladera tag-federacio-socialista-de-mallorca\" role=\"article\">\n\t\t<figure class=\"post-gallery\"><img loading=\"lazy\" decoding=\"async\" width=\"600\" height=\"400\" src=\"https:\/\/www.psib-psoe.org\/mallorca\/wp-content\/uploads\/210525-Bea-Gamundi-i-Arnau-Miralles-600x400.jpg\" class=\"attachment-notio-general-x2 size-notio-general-x2 wp-post-image\" alt=\"\" srcset=\"https:\/\/www.psib-psoe.org\/mallorca\/wp-content\/uploads\/210525-Bea-Gamundi-i-Arnau-Miralles-600x400.jpg 600w, https:\/\/www.psib-psoe.org\/mallorca\/wp-content\/uploads\/210525-Bea-Gamundi-i-Arnau-Miralles-300x200.jpg 300w, https:\/\/www.psib-psoe.org\/mallorca\/wp-content\/uploads\/210525-Bea-Gamundi-i-Arnau-Miralles-900x600.jpg 900w, https:\/\/www.psib-psoe.org\/mallorca\/wp-content\/uploads\/210525-Bea-Gamundi-i-Arnau-Miralles-20x13.jpg 20w\" sizes=\"(max-width: 600px) 100vw, 600px\" \/><\/figure>\n\t\t<div class=\"blog-top\">\n\t\t\t<header class=\"post-title entry-header\">\n\t\t\t\t<aside class=\"post-meta cf\">\n\t\t21\/05\/2025 \/ <a href=\"https:\/\/www.psib-psoe.org\/mallorca\/category\/federacio-de-mallorca\/\" rel=\"category tag\">Federaci\u00f3 de Mallorca<\/a>, <a href=\"https:\/\/www.psib-psoe.org\/mallorca\/category\/federacio-de-mallorca-portada\/\" rel=\"category tag\">Federaci\u00f3 de Mallorca - Portada<\/a>, <a href=\"https:\/\/www.psib-psoe.org\/mallorca\/category\/municipis\/\" rel=\"category tag\">Municipis<\/a>, <a href=\"https:\/\/www.psib-psoe.org\/mallorca\/category\/portada\/\" rel=\"category tag\">Portada<\/a><\/aside>\n\t\t\t\t<h3 itemprop=\"headline\"><a href=\"https:\/\/www.psib-psoe.org\/mallorca\/el-grup-socialista-critica-la-nulla-actuacio-del-consell-de-mallorca-en-politiques-de-joventut\/\" title=\"El Grup Socialista critica la nul\u00b7la actuaci\u00f3 del Consell de Mallorca en pol\u00edtiques de joventut\">El Grup Socialista critica la nul\u00b7la actuaci\u00f3 del Consell de Mallorca en pol\u00edtiques de joventut<\/a><\/h3>\n\t\t\t<\/header>\n\t\t<\/div>\n\t\t<div class=\"post-content\">\n\t\t\t<a href=\"https:\/\/www.psib-psoe.org\/mallorca\/el-grup-socialista-critica-la-nulla-actuacio-del-consell-de-mallorca-en-politiques-de-joventut\/\" class=\"more-link\">Read More<\/a>\n\t\t<\/div>\n\t\t\t<aside class=\"post-bottom-meta hide\">\n\t\t<strong rel=\"author\" itemprop=\"author\" class=\"author vcard\"><span class=\"fn\">Marc<\/span><\/strong>\n\t\t<time class=\"date published time\" datetime=\"2025-05-21T13:51:20+02:00\" itemprop=\"datePublished\" content=\"2025-05-21T13:51:20+02:00\">21\/05\/2025<\/time>\n\t\t<meta itemprop=\"dateModified\" class=\"date updated\" content=\"2025-05-21T13:51:32+02:00\">\n\t\t<span class=\"hide\" itemprop=\"publisher\" itemscope itemtype=\"https:\/\/schema.org\/Organization\">\n\t\t\t<meta itemprop=\"name\" content=\"SocialistesdMca\">\n\t\t\t<span itemprop=\"logo\" itemscope itemtype=\"https:\/\/schema.org\/ImageObject\">\n\t\t\t\t<meta itemprop=\"url\" content=\"https:\/\/www.psib-psoe.org\/mallorca\/wp-content\/themes\/notio-wp\/assets\/img\/logo.png\">\n\t\t\t<\/span>\n\t\t\t<meta itemprop=\"url\" content=\"https:\/\/www.psib-psoe.org\/mallorca\/\">\n\t\t<\/span>\n\t\t\t\t<span class=\"hide\" itemprop=\"image\" itemscope itemtype=\"http:\/\/schema.org\/ImageObject\">\n\t\t\t<meta itemprop=\"url\" content=\"https:\/\/www.psib-psoe.org\/mallorca\/wp-content\/uploads\/210525-Bea-Gamundi-i-Arnau-Miralles-scaled.jpg\">\n\t\t\t<meta itemprop=\"width\" content=\"2560\">\n\t\t\t<meta itemprop=\"height\" content=\"1920\">\n\t\t<\/span>\n\t\t\t\t<meta itemscope itemprop=\"mainEntityOfPage\" itemtype=\"https:\/\/schema.org\/WebPage\" itemid=\"https:\/\/www.psib-psoe.org\/mallorca\/el-grup-socialista-critica-la-nulla-actuacio-del-consell-de-mallorca-en-politiques-de-joventut\/\">\n\t<\/aside>\n\t\t<\/article>\n<\/div>\n<div class=\"small-12 large-4 columns\">\n\t<article itemscope itemtype=\"http:\/\/schema.org\/Article\" class=\"post blog-style7 alt post-29793 type-post status-publish format-standard has-post-thumbnail hentry category-federacio-de-mallorca category-federacio-de-mallorca-portada category-municipis category-portada tag-agrupacio-socialista-dalcudia tag-amanda-fernandez tag-ares-fernandez tag-barbara-rebassa tag-catalina-cladera tag-federacio-socialista-de-mallorca tag-joan-gaspar-vallori\" role=\"article\">\n\t\t<figure class=\"post-gallery\"><img loading=\"lazy\" decoding=\"async\" width=\"600\" height=\"400\" src=\"https:\/\/www.psib-psoe.org\/mallorca\/wp-content\/uploads\/Fems-Alcudia-600x400.jpg\" class=\"attachment-notio-general-x2 size-notio-general-x2 wp-post-image\" alt=\"\" srcset=\"https:\/\/www.psib-psoe.org\/mallorca\/wp-content\/uploads\/Fems-Alcudia-600x400.jpg 600w, https:\/\/www.psib-psoe.org\/mallorca\/wp-content\/uploads\/Fems-Alcudia-300x200.jpg 300w, https:\/\/www.psib-psoe.org\/mallorca\/wp-content\/uploads\/Fems-Alcudia-900x600.jpg 900w, https:\/\/www.psib-psoe.org\/mallorca\/wp-content\/uploads\/Fems-Alcudia-20x13.jpg 20w\" sizes=\"(max-width: 600px) 100vw, 600px\" \/><\/figure>\n\t\t<div class=\"blog-top\">\n\t\t\t<header class=\"post-title entry-header\">\n\t\t\t\t<aside class=\"post-meta cf\">\n\t\t20\/05\/2025 \/ <a href=\"https:\/\/www.psib-psoe.org\/mallorca\/category\/federacio-de-mallorca\/\" rel=\"category tag\">Federaci\u00f3 de Mallorca<\/a>, <a href=\"https:\/\/www.psib-psoe.org\/mallorca\/category\/federacio-de-mallorca-portada\/\" rel=\"category tag\">Federaci\u00f3 de Mallorca - Portada<\/a>, <a href=\"https:\/\/www.psib-psoe.org\/mallorca\/category\/municipis\/\" rel=\"category tag\">Municipis<\/a>, <a href=\"https:\/\/www.psib-psoe.org\/mallorca\/category\/portada\/\" rel=\"category tag\">Portada<\/a><\/aside>\n\t\t\t\t<h3 itemprop=\"headline\"><a href=\"https:\/\/www.psib-psoe.org\/mallorca\/els-socialistes-dalcudia-denuncien-la-deficient-implantacio-del-sistema-de-recollida-selectiva-de-fems-al-municipi-per-la-incompetencia-de-lequip\/\" title=\"Els Socialistes d\u2019Alc\u00fadia denuncien la \u201cdeficient implantaci\u00f3\u201d del sistema de recollida selectiva de fems al municipi, per la \u201cincompet\u00e8ncia\u201d de l\u2019equip de govern.\">Els Socialistes d\u2019Alc\u00fadia denuncien la \u201cdeficient implantaci\u00f3\u201d del sistema de recollida selectiva de fems al municipi, per la \u201cincompet\u00e8ncia\u201d de l\u2019equip de govern.<\/a><\/h3>\n\t\t\t<\/header>\n\t\t<\/div>\n\t\t<div class=\"post-content\">\n\t\t\t<a href=\"https:\/\/www.psib-psoe.org\/mallorca\/els-socialistes-dalcudia-denuncien-la-deficient-implantacio-del-sistema-de-recollida-selectiva-de-fems-al-municipi-per-la-incompetencia-de-lequip\/\" class=\"more-link\">Read More<\/a>\n\t\t<\/div>\n\t\t\t<aside class=\"post-bottom-meta hide\">\n\t\t<strong rel=\"author\" itemprop=\"author\" class=\"author vcard\"><span class=\"fn\">Albert<\/span><\/strong>\n\t\t<time class=\"date published time\" datetime=\"2025-05-20T08:25:52+02:00\" itemprop=\"datePublished\" content=\"2025-05-20T08:25:52+02:00\">20\/05\/2025<\/time>\n\t\t<meta itemprop=\"dateModified\" class=\"date updated\" content=\"2025-05-20T08:26:04+02:00\">\n\t\t<span class=\"hide\" itemprop=\"publisher\" itemscope itemtype=\"https:\/\/schema.org\/Organization\">\n\t\t\t<meta itemprop=\"name\" content=\"SocialistesdMca\">\n\t\t\t<span itemprop=\"logo\" itemscope itemtype=\"https:\/\/schema.org\/ImageObject\">\n\t\t\t\t<meta itemprop=\"url\" content=\"https:\/\/www.psib-psoe.org\/mallorca\/wp-content\/themes\/notio-wp\/assets\/img\/logo.png\">\n\t\t\t<\/span>\n\t\t\t<meta itemprop=\"url\" content=\"https:\/\/www.psib-psoe.org\/mallorca\/\">\n\t\t<\/span>\n\t\t\t\t<span class=\"hide\" itemprop=\"image\" itemscope itemtype=\"http:\/\/schema.org\/ImageObject\">\n\t\t\t<meta itemprop=\"url\" content=\"https:\/\/www.psib-psoe.org\/mallorca\/wp-content\/uploads\/Fems-Alcudia.jpg\">\n\t\t\t<meta itemprop=\"width\" content=\"1536\">\n\t\t\t<meta itemprop=\"height\" content=\"2048\">\n\t\t<\/span>\n\t\t\t\t<meta itemscope itemprop=\"mainEntityOfPage\" itemtype=\"https:\/\/schema.org\/WebPage\" itemid=\"https:\/\/www.psib-psoe.org\/mallorca\/els-socialistes-dalcudia-denuncien-la-deficient-implantacio-del-sistema-de-recollida-selectiva-de-fems-al-municipi-per-la-incompetencia-de-lequip\/\">\n\t<\/aside>\n\t\t<\/article>\n<\/div>\n<div class=\"small-12 large-4 columns\">\n\t<article itemscope itemtype=\"http:\/\/schema.org\/Article\" class=\"post blog-style7 alt post-29788 type-post status-publish format-standard has-post-thumbnail hentry category-consell-de-mallorca category-federacio-de-mallorca category-federacio-de-mallorca-portada category-municipis category-portada tag-amanda-fernandez tag-andreu-serra tag-bea-gamundi tag-catalina-cladera tag-consell-de-mallorca tag-federacio-socialista-de-mallorca tag-javier-de-juan tag-joan-ferrer tag-juana-m-adrover tag-maria-antonia-truyols tag-sofia-alonso\" role=\"article\">\n\t\t<figure class=\"post-gallery\"><img loading=\"lazy\" decoding=\"async\" width=\"600\" height=\"400\" src=\"https:\/\/www.psib-psoe.org\/mallorca\/wp-content\/uploads\/Catalina-i-Joan-150525-600x400.jpg\" class=\"attachment-notio-general-x2 size-notio-general-x2 wp-post-image\" alt=\"\" srcset=\"https:\/\/www.psib-psoe.org\/mallorca\/wp-content\/uploads\/Catalina-i-Joan-150525-600x400.jpg 600w, https:\/\/www.psib-psoe.org\/mallorca\/wp-content\/uploads\/Catalina-i-Joan-150525-300x200.jpg 300w, https:\/\/www.psib-psoe.org\/mallorca\/wp-content\/uploads\/Catalina-i-Joan-150525-900x600.jpg 900w, https:\/\/www.psib-psoe.org\/mallorca\/wp-content\/uploads\/Catalina-i-Joan-150525-20x13.jpg 20w\" sizes=\"(max-width: 600px) 100vw, 600px\" \/><\/figure>\n\t\t<div class=\"blog-top\">\n\t\t\t<header class=\"post-title entry-header\">\n\t\t\t\t<aside class=\"post-meta cf\">\n\t\t15\/05\/2025 \/ <a href=\"https:\/\/www.psib-psoe.org\/mallorca\/category\/consell-de-mallorca\/\" rel=\"category tag\">Consell de Mallorca<\/a>, <a href=\"https:\/\/www.psib-psoe.org\/mallorca\/category\/federacio-de-mallorca\/\" rel=\"category tag\">Federaci\u00f3 de Mallorca<\/a>, <a href=\"https:\/\/www.psib-psoe.org\/mallorca\/category\/federacio-de-mallorca-portada\/\" rel=\"category tag\">Federaci\u00f3 de Mallorca - Portada<\/a>, <a href=\"https:\/\/www.psib-psoe.org\/mallorca\/category\/municipis\/\" rel=\"category tag\">Municipis<\/a>, <a href=\"https:\/\/www.psib-psoe.org\/mallorca\/category\/portada\/\" rel=\"category tag\">Portada<\/a><\/aside>\n\t\t\t\t<h3 itemprop=\"headline\"><a href=\"https:\/\/www.psib-psoe.org\/mallorca\/els-socialistes-denuncien-el-caos-permanent-que-pateix-la-xarxa-viaria-de-mallorca-i-presenten-una-proposta-alternativa-per-a-la-llei-de-mobilitat-sostenible-que-impulsa-el-consell-d\/\" title=\"Els Socialistes denuncien el \u201ccaos permanent\u201d que pateix la xarxa vi\u00e0ria de Mallorca i presenten una proposta alternativa per a la Llei de Mobilitat Sostenible que impulsa el Consell de Mallorca.\">Els Socialistes denuncien el \u201ccaos permanent\u201d que pateix la xarxa vi\u00e0ria de Mallorca i presenten una proposta alternativa per a la Llei de Mobilitat Sostenible que impulsa el Consell de Mallorca.<\/a><\/h3>\n\t\t\t<\/header>\n\t\t<\/div>\n\t\t<div class=\"post-content\">\n\t\t\t<a href=\"https:\/\/www.psib-psoe.org\/mallorca\/els-socialistes-denuncien-el-caos-permanent-que-pateix-la-xarxa-viaria-de-mallorca-i-presenten-una-proposta-alternativa-per-a-la-llei-de-mobilitat-sostenible-que-impulsa-el-consell-d\/\" class=\"more-link\">Read More<\/a>\n\t\t<\/div>\n\t\t\t<aside class=\"post-bottom-meta hide\">\n\t\t<strong rel=\"author\" itemprop=\"author\" class=\"author vcard\"><span class=\"fn\">Albert<\/span><\/strong>\n\t\t<time class=\"date published time\" datetime=\"2025-05-15T13:21:36+02:00\" itemprop=\"datePublished\" content=\"2025-05-15T13:21:36+02:00\">15\/05\/2025<\/time>\n\t\t<meta itemprop=\"dateModified\" class=\"date updated\" content=\"2025-05-15T13:21:49+02:00\">\n\t\t<span class=\"hide\" itemprop=\"publisher\" itemscope itemtype=\"https:\/\/schema.org\/Organization\">\n\t\t\t<meta itemprop=\"name\" content=\"SocialistesdMca\">\n\t\t\t<span itemprop=\"logo\" itemscope itemtype=\"https:\/\/schema.org\/ImageObject\">\n\t\t\t\t<meta itemprop=\"url\" content=\"https:\/\/www.psib-psoe.org\/mallorca\/wp-content\/themes\/notio-wp\/assets\/img\/logo.png\">\n\t\t\t<\/span>\n\t\t\t<meta itemprop=\"url\" content=\"https:\/\/www.psib-psoe.org\/mallorca\/\">\n\t\t<\/span>\n\t\t\t\t<span class=\"hide\" itemprop=\"image\" itemscope itemtype=\"http:\/\/schema.org\/ImageObject\">\n\t\t\t<meta itemprop=\"url\" content=\"https:\/\/www.psib-psoe.org\/mallorca\/wp-content\/uploads\/Catalina-i-Joan-150525-scaled.jpg\">\n\t\t\t<meta itemprop=\"width\" content=\"2560\">\n\t\t\t<meta itemprop=\"height\" content=\"1920\">\n\t\t<\/span>\n\t\t\t\t<meta itemscope itemprop=\"mainEntityOfPage\" itemtype=\"https:\/\/schema.org\/WebPage\" itemid=\"https:\/\/www.psib-psoe.org\/mallorca\/els-socialistes-denuncien-el-caos-permanent-que-pateix-la-xarxa-viaria-de-mallorca-i-presenten-una-proposta-alternativa-per-a-la-llei-de-mobilitat-sostenible-que-impulsa-el-consell-d\/\">\n\t<\/aside>\n\t\t<\/article>\n<\/div>\n<div class=\"small-12 large-4 columns\">\n\t<article itemscope itemtype=\"http:\/\/schema.org\/Article\" class=\"post blog-style7 alt post-29784 type-post status-publish format-standard has-post-thumbnail hentry category-federacio-de-mallorca category-federacio-de-mallorca-portada category-municipis category-portada tag-amanda-fernandez tag-ares-fernandez tag-federacio-socialista-de-mallorca tag-llorenc-mesquida tag-mar-nicolau tag-maria-antonia-truyols tag-miquel-cabot tag-nuria-hinojosa\" role=\"article\">\n\t\t<figure class=\"post-gallery\"><img loading=\"lazy\" decoding=\"async\" width=\"600\" height=\"400\" src=\"https:\/\/www.psib-psoe.org\/mallorca\/wp-content\/uploads\/Acord-Manacor-140525-600x400.jpg\" class=\"attachment-notio-general-x2 size-notio-general-x2 wp-post-image\" alt=\"\" srcset=\"https:\/\/www.psib-psoe.org\/mallorca\/wp-content\/uploads\/Acord-Manacor-140525-600x400.jpg 600w, https:\/\/www.psib-psoe.org\/mallorca\/wp-content\/uploads\/Acord-Manacor-140525-300x200.jpg 300w, https:\/\/www.psib-psoe.org\/mallorca\/wp-content\/uploads\/Acord-Manacor-140525-900x600.jpg 900w, https:\/\/www.psib-psoe.org\/mallorca\/wp-content\/uploads\/Acord-Manacor-140525-20x13.jpg 20w\" sizes=\"(max-width: 600px) 100vw, 600px\" \/><\/figure>\n\t\t<div class=\"blog-top\">\n\t\t\t<header class=\"post-title entry-header\">\n\t\t\t\t<aside class=\"post-meta cf\">\n\t\t14\/05\/2025 \/ <a href=\"https:\/\/www.psib-psoe.org\/mallorca\/category\/federacio-de-mallorca\/\" rel=\"category tag\">Federaci\u00f3 de Mallorca<\/a>, <a href=\"https:\/\/www.psib-psoe.org\/mallorca\/category\/federacio-de-mallorca-portada\/\" rel=\"category tag\">Federaci\u00f3 de Mallorca - Portada<\/a>, <a href=\"https:\/\/www.psib-psoe.org\/mallorca\/category\/municipis\/\" rel=\"category tag\">Municipis<\/a>, <a href=\"https:\/\/www.psib-psoe.org\/mallorca\/category\/portada\/\" rel=\"category tag\">Portada<\/a><\/aside>\n\t\t\t\t<h3 itemprop=\"headline\"><a href=\"https:\/\/www.psib-psoe.org\/mallorca\/el-psib-psoe-de-manacor-sincorpora-a-lequip-de-govern-de-lajuntament\/\" title=\"El PSIB-PSOE de Manacor s\u2019incorpora a l\u2019equip de govern de l\u2019Ajuntament.\">El PSIB-PSOE de Manacor s\u2019incorpora a l\u2019equip de govern de l\u2019Ajuntament.<\/a><\/h3>\n\t\t\t<\/header>\n\t\t<\/div>\n\t\t<div class=\"post-content\">\n\t\t\t<a href=\"https:\/\/www.psib-psoe.org\/mallorca\/el-psib-psoe-de-manacor-sincorpora-a-lequip-de-govern-de-lajuntament\/\" class=\"more-link\">Read More<\/a>\n\t\t<\/div>\n\t\t\t<aside class=\"post-bottom-meta hide\">\n\t\t<strong rel=\"author\" itemprop=\"author\" class=\"author vcard\"><span class=\"fn\">Albert<\/span><\/strong>\n\t\t<time class=\"date published time\" datetime=\"2025-05-14T15:40:52+02:00\" itemprop=\"datePublished\" content=\"2025-05-14T15:40:52+02:00\">14\/05\/2025<\/time>\n\t\t<meta itemprop=\"dateModified\" class=\"date updated\" content=\"2025-05-14T15:41:04+02:00\">\n\t\t<span class=\"hide\" itemprop=\"publisher\" itemscope itemtype=\"https:\/\/schema.org\/Organization\">\n\t\t\t<meta itemprop=\"name\" content=\"SocialistesdMca\">\n\t\t\t<span itemprop=\"logo\" itemscope itemtype=\"https:\/\/schema.org\/ImageObject\">\n\t\t\t\t<meta itemprop=\"url\" content=\"https:\/\/www.psib-psoe.org\/mallorca\/wp-content\/themes\/notio-wp\/assets\/img\/logo.png\">\n\t\t\t<\/span>\n\t\t\t<meta itemprop=\"url\" content=\"https:\/\/www.psib-psoe.org\/mallorca\/\">\n\t\t<\/span>\n\t\t\t\t<span class=\"hide\" itemprop=\"image\" itemscope itemtype=\"http:\/\/schema.org\/ImageObject\">\n\t\t\t<meta itemprop=\"url\" content=\"https:\/\/www.psib-psoe.org\/mallorca\/wp-content\/uploads\/Acord-Manacor-140525-scaled.jpg\">\n\t\t\t<meta itemprop=\"width\" content=\"2560\">\n\t\t\t<meta itemprop=\"height\" content=\"1920\">\n\t\t<\/span>\n\t\t\t\t<meta itemscope itemprop=\"mainEntityOfPage\" itemtype=\"https:\/\/schema.org\/WebPage\" itemid=\"https:\/\/www.psib-psoe.org\/mallorca\/el-psib-psoe-de-manacor-sincorpora-a-lequip-de-govern-de-lajuntament\/\">\n\t<\/aside>\n\t\t<\/article>\n<\/div>\n<div class=\"small-12 large-4 columns\">\n\t<article itemscope itemtype=\"http:\/\/schema.org\/Article\" class=\"post blog-style7 alt post-29779 type-post status-publish format-standard has-post-thumbnail hentry category-federacio-de-mallorca category-federacio-de-mallorca-portada category-municipis category-portada tag-agrupacio-socialista-de-capdepera tag-amanda-fernandez tag-ares-fernandez tag-catalina-cladera tag-federacio-socialista-de-mallorca\" role=\"article\">\n\t\t<figure class=\"post-gallery\"><img loading=\"lazy\" decoding=\"async\" width=\"600\" height=\"400\" src=\"https:\/\/www.psib-psoe.org\/mallorca\/wp-content\/uploads\/Plenaria-Capdepera-600x400.jpg\" class=\"attachment-notio-general-x2 size-notio-general-x2 wp-post-image\" alt=\"\" srcset=\"https:\/\/www.psib-psoe.org\/mallorca\/wp-content\/uploads\/Plenaria-Capdepera-600x400.jpg 600w, https:\/\/www.psib-psoe.org\/mallorca\/wp-content\/uploads\/Plenaria-Capdepera-300x200.jpg 300w, https:\/\/www.psib-psoe.org\/mallorca\/wp-content\/uploads\/Plenaria-Capdepera-900x600.jpg 900w, https:\/\/www.psib-psoe.org\/mallorca\/wp-content\/uploads\/Plenaria-Capdepera-20x13.jpg 20w\" sizes=\"(max-width: 600px) 100vw, 600px\" \/><\/figure>\n\t\t<div class=\"blog-top\">\n\t\t\t<header class=\"post-title entry-header\">\n\t\t\t\t<aside class=\"post-meta cf\">\n\t\t13\/05\/2025 \/ <a href=\"https:\/\/www.psib-psoe.org\/mallorca\/category\/federacio-de-mallorca\/\" rel=\"category tag\">Federaci\u00f3 de Mallorca<\/a>, <a href=\"https:\/\/www.psib-psoe.org\/mallorca\/category\/federacio-de-mallorca-portada\/\" rel=\"category tag\">Federaci\u00f3 de Mallorca - Portada<\/a>, <a href=\"https:\/\/www.psib-psoe.org\/mallorca\/category\/municipis\/\" rel=\"category tag\">Municipis<\/a>, <a href=\"https:\/\/www.psib-psoe.org\/mallorca\/category\/portada\/\" rel=\"category tag\">Portada<\/a><\/aside>\n\t\t\t\t<h3 itemprop=\"headline\"><a href=\"https:\/\/www.psib-psoe.org\/mallorca\/la-mala-gestio-economica-de-lequip-de-govern-pp-mes-de-capdepera-obliga-a-lajuntament-a-fer-retallades-als-serveis-publics-i-pujades-dimposts-per-lincompliment-de-l\/\" title=\"La mala gesti\u00f3 econ\u00f2mica de l\u2019equip de Govern PP-MES de Capdepera obliga a l\u2019Ajuntament a fer retallades als serveis p\u00fablics i pujades d\u2019imposts per l\u2019incompliment de les regles fiscals de la Llei d\u2019Estabilitat Pressupost\u00e0ria.\">La mala gesti\u00f3 econ\u00f2mica de l\u2019equip de Govern PP-MES de Capdepera obliga a l\u2019Ajuntament a fer retallades als serveis p\u00fablics i pujades d\u2019imposts per l\u2019incompliment de les regles fiscals de la Llei d\u2019Estabilitat Pressupost\u00e0ria.<\/a><\/h3>\n\t\t\t<\/header>\n\t\t<\/div>\n\t\t<div class=\"post-content\">\n\t\t\t<a href=\"https:\/\/www.psib-psoe.org\/mallorca\/la-mala-gestio-economica-de-lequip-de-govern-pp-mes-de-capdepera-obliga-a-lajuntament-a-fer-retallades-als-serveis-publics-i-pujades-dimposts-per-lincompliment-de-l\/\" class=\"more-link\">Read More<\/a>\n\t\t<\/div>\n\t\t\t<aside class=\"post-bottom-meta hide\">\n\t\t<strong rel=\"author\" itemprop=\"author\" class=\"author vcard\"><span class=\"fn\">Albert<\/span><\/strong>\n\t\t<time class=\"date published time\" datetime=\"2025-05-13T16:08:02+02:00\" itemprop=\"datePublished\" content=\"2025-05-13T16:08:02+02:00\">13\/05\/2025<\/time>\n\t\t<meta itemprop=\"dateModified\" class=\"date updated\" content=\"2025-05-13T16:08:14+02:00\">\n\t\t<span class=\"hide\" itemprop=\"publisher\" itemscope itemtype=\"https:\/\/schema.org\/Organization\">\n\t\t\t<meta itemprop=\"name\" content=\"SocialistesdMca\">\n\t\t\t<span itemprop=\"logo\" itemscope itemtype=\"https:\/\/schema.org\/ImageObject\">\n\t\t\t\t<meta itemprop=\"url\" content=\"https:\/\/www.psib-psoe.org\/mallorca\/wp-content\/themes\/notio-wp\/assets\/img\/logo.png\">\n\t\t\t<\/span>\n\t\t\t<meta itemprop=\"url\" content=\"https:\/\/www.psib-psoe.org\/mallorca\/\">\n\t\t<\/span>\n\t\t\t\t<span class=\"hide\" itemprop=\"image\" itemscope itemtype=\"http:\/\/schema.org\/ImageObject\">\n\t\t\t<meta itemprop=\"url\" content=\"https:\/\/www.psib-psoe.org\/mallorca\/wp-content\/uploads\/Plenaria-Capdepera.jpg\">\n\t\t\t<meta itemprop=\"width\" content=\"1080\">\n\t\t\t<meta itemprop=\"height\" content=\"810\">\n\t\t<\/span>\n\t\t\t\t<meta itemscope itemprop=\"mainEntityOfPage\" itemtype=\"https:\/\/schema.org\/WebPage\" itemid=\"https:\/\/www.psib-psoe.org\/mallorca\/la-mala-gestio-economica-de-lequip-de-govern-pp-mes-de-capdepera-obliga-a-lajuntament-a-fer-retallades-als-serveis-publics-i-pujades-dimposts-per-lincompliment-de-l\/\">\n\t<\/aside>\n\t\t<\/article>\n<\/div>\n<div class=\"small-12 large-4 columns\">\n\t<article itemscope itemtype=\"http:\/\/schema.org\/Article\" class=\"post blog-style7 alt post-29776 type-post status-publish format-standard has-post-thumbnail hentry category-federacio-de-mallorca category-federacio-de-mallorca-portada category-municipis category-portada tag-agrupacio-socialista-dalgaida tag-amanda-fernandez tag-barbara-rebassa tag-catalina-cladera tag-federacio-socialista-de-mallorca tag-joan-gaspar-vallori\" role=\"article\">\n\t\t<figure class=\"post-gallery\"><img loading=\"lazy\" decoding=\"async\" width=\"600\" height=\"400\" src=\"https:\/\/www.psib-psoe.org\/mallorca\/wp-content\/uploads\/Foto-Alcudia-600x400.jpg\" class=\"attachment-notio-general-x2 size-notio-general-x2 wp-post-image\" alt=\"\" srcset=\"https:\/\/www.psib-psoe.org\/mallorca\/wp-content\/uploads\/Foto-Alcudia-600x400.jpg 600w, https:\/\/www.psib-psoe.org\/mallorca\/wp-content\/uploads\/Foto-Alcudia-300x200.jpg 300w, https:\/\/www.psib-psoe.org\/mallorca\/wp-content\/uploads\/Foto-Alcudia-900x600.jpg 900w, https:\/\/www.psib-psoe.org\/mallorca\/wp-content\/uploads\/Foto-Alcudia-20x13.jpg 20w\" sizes=\"(max-width: 600px) 100vw, 600px\" \/><\/figure>\n\t\t<div class=\"blog-top\">\n\t\t\t<header class=\"post-title entry-header\">\n\t\t\t\t<aside class=\"post-meta cf\">\n\t\t13\/05\/2025 \/ <a href=\"https:\/\/www.psib-psoe.org\/mallorca\/category\/federacio-de-mallorca\/\" rel=\"category tag\">Federaci\u00f3 de Mallorca<\/a>, <a href=\"https:\/\/www.psib-psoe.org\/mallorca\/category\/federacio-de-mallorca-portada\/\" rel=\"category tag\">Federaci\u00f3 de Mallorca - Portada<\/a>, <a href=\"https:\/\/www.psib-psoe.org\/mallorca\/category\/municipis\/\" rel=\"category tag\">Municipis<\/a>, <a href=\"https:\/\/www.psib-psoe.org\/mallorca\/category\/portada\/\" rel=\"category tag\">Portada<\/a><\/aside>\n\t\t\t\t<h3 itemprop=\"headline\"><a href=\"https:\/\/www.psib-psoe.org\/mallorca\/la-batlessa-dalcudia-engana-loposicio-i-no-mostra-les-alternatives-pel-tracat-del-cable-electric-que-ja-te-enllestides\/\" title=\"La batlessa d\u2019Alc\u00fadia engana l\u2019oposici\u00f3 i no mostra les alternatives pel tra\u00e7at del cable el\u00e8ctric que ja te enllestides.\">La batlessa d\u2019Alc\u00fadia engana l\u2019oposici\u00f3 i no mostra les alternatives pel tra\u00e7at del cable el\u00e8ctric que ja te enllestides.<\/a><\/h3>\n\t\t\t<\/header>\n\t\t<\/div>\n\t\t<div class=\"post-content\">\n\t\t\t<a href=\"https:\/\/www.psib-psoe.org\/mallorca\/la-batlessa-dalcudia-engana-loposicio-i-no-mostra-les-alternatives-pel-tracat-del-cable-electric-que-ja-te-enllestides\/\" class=\"more-link\">Read More<\/a>\n\t\t<\/div>\n\t\t\t<aside class=\"post-bottom-meta hide\">\n\t\t<strong rel=\"author\" itemprop=\"author\" class=\"author vcard\"><span class=\"fn\">Albert<\/span><\/strong>\n\t\t<time class=\"date published time\" datetime=\"2025-05-13T08:17:47+02:00\" itemprop=\"datePublished\" content=\"2025-05-13T08:17:47+02:00\">13\/05\/2025<\/time>\n\t\t<meta itemprop=\"dateModified\" class=\"date updated\" content=\"2025-05-13T08:17:59+02:00\">\n\t\t<span class=\"hide\" itemprop=\"publisher\" itemscope itemtype=\"https:\/\/schema.org\/Organization\">\n\t\t\t<meta itemprop=\"name\" content=\"SocialistesdMca\">\n\t\t\t<span itemprop=\"logo\" itemscope itemtype=\"https:\/\/schema.org\/ImageObject\">\n\t\t\t\t<meta itemprop=\"url\" content=\"https:\/\/www.psib-psoe.org\/mallorca\/wp-content\/themes\/notio-wp\/assets\/img\/logo.png\">\n\t\t\t<\/span>\n\t\t\t<meta itemprop=\"url\" content=\"https:\/\/www.psib-psoe.org\/mallorca\/\">\n\t\t<\/span>\n\t\t\t\t<span class=\"hide\" itemprop=\"image\" itemscope itemtype=\"http:\/\/schema.org\/ImageObject\">\n\t\t\t<meta itemprop=\"url\" content=\"https:\/\/www.psib-psoe.org\/mallorca\/wp-content\/uploads\/Foto-Alcudia.jpg\">\n\t\t\t<meta itemprop=\"width\" content=\"2048\">\n\t\t\t<meta itemprop=\"height\" content=\"1536\">\n\t\t<\/span>\n\t\t\t\t<meta itemscope itemprop=\"mainEntityOfPage\" itemtype=\"https:\/\/schema.org\/WebPage\" itemid=\"https:\/\/www.psib-psoe.org\/mallorca\/la-batlessa-dalcudia-engana-loposicio-i-no-mostra-les-alternatives-pel-tracat-del-cable-electric-que-ja-te-enllestides\/\">\n\t<\/aside>\n\t\t<\/article>\n<\/div>\n<div class=\"small-12 large-4 columns\">\n\t<article itemscope itemtype=\"http:\/\/schema.org\/Article\" class=\"post blog-style7 alt post-29772 type-post status-publish format-standard has-post-thumbnail hentry category-consell-de-mallorca category-federacio-de-mallorca category-federacio-de-mallorca-portada category-portada tag-amanda-fernandez tag-andreu-serra tag-bea-gamundi tag-catalina-cladera tag-consell-de-mallorca tag-federacio-socialista-de-mallorca tag-javier-de-juan tag-joan-ferrer tag-juana-m-adrover tag-maria-antonia-truyols tag-sofia-alonso\" role=\"article\">\n\t\t<figure class=\"post-gallery\"><img loading=\"lazy\" decoding=\"async\" width=\"600\" height=\"400\" src=\"https:\/\/www.psib-psoe.org\/mallorca\/wp-content\/uploads\/Ple-TCAI-3-600x400.jpg\" class=\"attachment-notio-general-x2 size-notio-general-x2 wp-post-image\" alt=\"\" srcset=\"https:\/\/www.psib-psoe.org\/mallorca\/wp-content\/uploads\/Ple-TCAI-3-600x400.jpg 600w, https:\/\/www.psib-psoe.org\/mallorca\/wp-content\/uploads\/Ple-TCAI-3-300x200.jpg 300w, https:\/\/www.psib-psoe.org\/mallorca\/wp-content\/uploads\/Ple-TCAI-3-900x600.jpg 900w, https:\/\/www.psib-psoe.org\/mallorca\/wp-content\/uploads\/Ple-TCAI-3-20x13.jpg 20w\" sizes=\"(max-width: 600px) 100vw, 600px\" \/><\/figure>\n\t\t<div class=\"blog-top\">\n\t\t\t<header class=\"post-title entry-header\">\n\t\t\t\t<aside class=\"post-meta cf\">\n\t\t08\/05\/2025 \/ <a href=\"https:\/\/www.psib-psoe.org\/mallorca\/category\/consell-de-mallorca\/\" rel=\"category tag\">Consell de Mallorca<\/a>, <a href=\"https:\/\/www.psib-psoe.org\/mallorca\/category\/federacio-de-mallorca\/\" rel=\"category tag\">Federaci\u00f3 de Mallorca<\/a>, <a href=\"https:\/\/www.psib-psoe.org\/mallorca\/category\/federacio-de-mallorca-portada\/\" rel=\"category tag\">Federaci\u00f3 de Mallorca - Portada<\/a>, <a href=\"https:\/\/www.psib-psoe.org\/mallorca\/category\/portada\/\" rel=\"category tag\">Portada<\/a><\/aside>\n\t\t\t\t<h3 itemprop=\"headline\"><a href=\"https:\/\/www.psib-psoe.org\/mallorca\/les-treballadores-tecniques-en-cures-auxiliars-dinfermeria-milloraran-les-seves-condicions-laborals-a-mallorca-despres-de-laprovacio-duna-mocio-del-grup-socialista-al-ple-d\/\" title=\"Les treballadores T\u00e8cniques en Cures Auxiliars d\u2019Infermeria milloraran les seves condicions laborals a Mallorca, despr\u00e9s de l\u2019aprovaci\u00f3 d\u2019una moci\u00f3 del Grup Socialista al ple del Consell.\">Les treballadores T\u00e8cniques en Cures Auxiliars d\u2019Infermeria milloraran les seves condicions laborals a Mallorca, despr\u00e9s de l\u2019aprovaci\u00f3 d\u2019una moci\u00f3 del Grup Socialista al ple del Consell.<\/a><\/h3>\n\t\t\t<\/header>\n\t\t<\/div>\n\t\t<div class=\"post-content\">\n\t\t\t<a href=\"https:\/\/www.psib-psoe.org\/mallorca\/les-treballadores-tecniques-en-cures-auxiliars-dinfermeria-milloraran-les-seves-condicions-laborals-a-mallorca-despres-de-laprovacio-duna-mocio-del-grup-socialista-al-ple-d\/\" class=\"more-link\">Read More<\/a>\n\t\t<\/div>\n\t\t\t<aside class=\"post-bottom-meta hide\">\n\t\t<strong rel=\"author\" itemprop=\"author\" class=\"author vcard\"><span class=\"fn\">Albert<\/span><\/strong>\n\t\t<time class=\"date published time\" datetime=\"2025-05-08T18:40:46+02:00\" itemprop=\"datePublished\" content=\"2025-05-08T18:40:46+02:00\">08\/05\/2025<\/time>\n\t\t<meta itemprop=\"dateModified\" class=\"date updated\" content=\"2025-05-08T18:40:57+02:00\">\n\t\t<span class=\"hide\" itemprop=\"publisher\" itemscope itemtype=\"https:\/\/schema.org\/Organization\">\n\t\t\t<meta itemprop=\"name\" content=\"SocialistesdMca\">\n\t\t\t<span itemprop=\"logo\" itemscope itemtype=\"https:\/\/schema.org\/ImageObject\">\n\t\t\t\t<meta itemprop=\"url\" content=\"https:\/\/www.psib-psoe.org\/mallorca\/wp-content\/themes\/notio-wp\/assets\/img\/logo.png\">\n\t\t\t<\/span>\n\t\t\t<meta itemprop=\"url\" content=\"https:\/\/www.psib-psoe.org\/mallorca\/\">\n\t\t<\/span>\n\t\t\t\t<span class=\"hide\" itemprop=\"image\" itemscope itemtype=\"http:\/\/schema.org\/ImageObject\">\n\t\t\t<meta itemprop=\"url\" content=\"https:\/\/www.psib-psoe.org\/mallorca\/wp-content\/uploads\/Ple-TCAI-3-scaled.jpg\">\n\t\t\t<meta itemprop=\"width\" content=\"2560\">\n\t\t\t<meta itemprop=\"height\" content=\"1920\">\n\t\t<\/span>\n\t\t\t\t<meta itemscope itemprop=\"mainEntityOfPage\" itemtype=\"https:\/\/schema.org\/WebPage\" itemid=\"https:\/\/www.psib-psoe.org\/mallorca\/les-treballadores-tecniques-en-cures-auxiliars-dinfermeria-milloraran-les-seves-condicions-laborals-a-mallorca-despres-de-laprovacio-duna-mocio-del-grup-socialista-al-ple-d\/\">\n\t<\/aside>\n\t\t<\/article>\n<\/div>\n<div class=\"small-12 large-4 columns\">\n\t<article itemscope itemtype=\"http:\/\/schema.org\/Article\" class=\"post blog-style7 alt post-29769 type-post status-publish format-standard has-post-thumbnail hentry category-consell-de-mallorca category-federacio-de-mallorca category-federacio-de-mallorca-portada category-portada tag-amanda-fernandez tag-andreu-serra tag-bea-gamundi tag-catalina-cladera tag-consell-de-mallorca tag-federacio-socialista-de-mallorca tag-javier-de-juan tag-joan-ferrer tag-juana-m-adrover tag-maria-antonia-truyols tag-sofia-alonso\" role=\"article\">\n\t\t<figure class=\"post-gallery\"><img loading=\"lazy\" decoding=\"async\" width=\"600\" height=\"400\" src=\"https:\/\/www.psib-psoe.org\/mallorca\/wp-content\/uploads\/Ple-080525-2-600x400.jpg\" class=\"attachment-notio-general-x2 size-notio-general-x2 wp-post-image\" alt=\"\" srcset=\"https:\/\/www.psib-psoe.org\/mallorca\/wp-content\/uploads\/Ple-080525-2-600x400.jpg 600w, https:\/\/www.psib-psoe.org\/mallorca\/wp-content\/uploads\/Ple-080525-2-300x200.jpg 300w, https:\/\/www.psib-psoe.org\/mallorca\/wp-content\/uploads\/Ple-080525-2-900x600.jpg 900w, https:\/\/www.psib-psoe.org\/mallorca\/wp-content\/uploads\/Ple-080525-2-20x13.jpg 20w\" sizes=\"(max-width: 600px) 100vw, 600px\" \/><\/figure>\n\t\t<div class=\"blog-top\">\n\t\t\t<header class=\"post-title entry-header\">\n\t\t\t\t<aside class=\"post-meta cf\">\n\t\t08\/05\/2025 \/ <a href=\"https:\/\/www.psib-psoe.org\/mallorca\/category\/consell-de-mallorca\/\" rel=\"category tag\">Consell de Mallorca<\/a>, <a href=\"https:\/\/www.psib-psoe.org\/mallorca\/category\/federacio-de-mallorca\/\" rel=\"category tag\">Federaci\u00f3 de Mallorca<\/a>, <a href=\"https:\/\/www.psib-psoe.org\/mallorca\/category\/federacio-de-mallorca-portada\/\" rel=\"category tag\">Federaci\u00f3 de Mallorca - Portada<\/a>, <a href=\"https:\/\/www.psib-psoe.org\/mallorca\/category\/portada\/\" rel=\"category tag\">Portada<\/a><\/aside>\n\t\t\t\t<h3 itemprop=\"headline\"><a href=\"https:\/\/www.psib-psoe.org\/mallorca\/el-grup-socialista-lamenta-lactitud-masclista-del-president-del-consell-de-mallorca-durant-la-intervencio-de-la-consellera-juana-m-adrover\/\" title=\"El Grup Socialista lamenta l\u2019actitud masclista del president del Consell de Mallorca durant la intervenci\u00f3 de la consellera Juana M. Adrover.\">El Grup Socialista lamenta l\u2019actitud masclista del president del Consell de Mallorca durant la intervenci\u00f3 de la consellera Juana M. Adrover.<\/a><\/h3>\n\t\t\t<\/header>\n\t\t<\/div>\n\t\t<div class=\"post-content\">\n\t\t\t<a href=\"https:\/\/www.psib-psoe.org\/mallorca\/el-grup-socialista-lamenta-lactitud-masclista-del-president-del-consell-de-mallorca-durant-la-intervencio-de-la-consellera-juana-m-adrover\/\" class=\"more-link\">Read More<\/a>\n\t\t<\/div>\n\t\t\t<aside class=\"post-bottom-meta hide\">\n\t\t<strong rel=\"author\" itemprop=\"author\" class=\"author vcard\"><span class=\"fn\">Albert<\/span><\/strong>\n\t\t<time class=\"date published time\" datetime=\"2025-05-08T17:14:11+02:00\" itemprop=\"datePublished\" content=\"2025-05-08T17:14:11+02:00\">08\/05\/2025<\/time>\n\t\t<meta itemprop=\"dateModified\" class=\"date updated\" content=\"2025-05-08T17:14:23+02:00\">\n\t\t<span class=\"hide\" itemprop=\"publisher\" itemscope itemtype=\"https:\/\/schema.org\/Organization\">\n\t\t\t<meta itemprop=\"name\" content=\"SocialistesdMca\">\n\t\t\t<span itemprop=\"logo\" itemscope itemtype=\"https:\/\/schema.org\/ImageObject\">\n\t\t\t\t<meta itemprop=\"url\" content=\"https:\/\/www.psib-psoe.org\/mallorca\/wp-content\/themes\/notio-wp\/assets\/img\/logo.png\">\n\t\t\t<\/span>\n\t\t\t<meta itemprop=\"url\" content=\"https:\/\/www.psib-psoe.org\/mallorca\/\">\n\t\t<\/span>\n\t\t\t\t<span class=\"hide\" itemprop=\"image\" itemscope itemtype=\"http:\/\/schema.org\/ImageObject\">\n\t\t\t<meta itemprop=\"url\" content=\"https:\/\/www.psib-psoe.org\/mallorca\/wp-content\/uploads\/Ple-080525-2.jpg\">\n\t\t\t<meta itemprop=\"width\" content=\"2048\">\n\t\t\t<meta itemprop=\"height\" content=\"1536\">\n\t\t<\/span>\n\t\t\t\t<meta itemscope itemprop=\"mainEntityOfPage\" itemtype=\"https:\/\/schema.org\/WebPage\" itemid=\"https:\/\/www.psib-psoe.org\/mallorca\/el-grup-socialista-lamenta-lactitud-masclista-del-president-del-consell-de-mallorca-durant-la-intervencio-de-la-consellera-juana-m-adrover\/\">\n\t<\/aside>\n\t\t<\/article>\n<\/div>\n<div class=\"small-12 large-4 columns\">\n\t<article itemscope itemtype=\"http:\/\/schema.org\/Article\" class=\"post blog-style7 alt post-29766 type-post status-publish format-standard has-post-thumbnail hentry category-federacio-de-mallorca category-federacio-de-mallorca-portada category-municipis category-portada tag-agrupacio-socialista-de-llucmajor tag-amanda-fernandez tag-federacio-socialista-de-mallorca tag-jaume-j-oliver tag-llucmajor tag-psib-psoe\" role=\"article\">\n\t\t<figure class=\"post-gallery\"><img loading=\"lazy\" decoding=\"async\" width=\"600\" height=\"400\" src=\"https:\/\/www.psib-psoe.org\/mallorca\/wp-content\/uploads\/Aula-Llucmajor-600x400.jpg\" class=\"attachment-notio-general-x2 size-notio-general-x2 wp-post-image\" alt=\"\" srcset=\"https:\/\/www.psib-psoe.org\/mallorca\/wp-content\/uploads\/Aula-Llucmajor-600x400.jpg 600w, https:\/\/www.psib-psoe.org\/mallorca\/wp-content\/uploads\/Aula-Llucmajor-300x200.jpg 300w, https:\/\/www.psib-psoe.org\/mallorca\/wp-content\/uploads\/Aula-Llucmajor-900x600.jpg 900w, https:\/\/www.psib-psoe.org\/mallorca\/wp-content\/uploads\/Aula-Llucmajor-20x13.jpg 20w\" sizes=\"(max-width: 600px) 100vw, 600px\" \/><\/figure>\n\t\t<div class=\"blog-top\">\n\t\t\t<header class=\"post-title entry-header\">\n\t\t\t\t<aside class=\"post-meta cf\">\n\t\t07\/05\/2025 \/ <a href=\"https:\/\/www.psib-psoe.org\/mallorca\/category\/federacio-de-mallorca\/\" rel=\"category tag\">Federaci\u00f3 de Mallorca<\/a>, <a href=\"https:\/\/www.psib-psoe.org\/mallorca\/category\/federacio-de-mallorca-portada\/\" rel=\"category tag\">Federaci\u00f3 de Mallorca - Portada<\/a>, <a href=\"https:\/\/www.psib-psoe.org\/mallorca\/category\/municipis\/\" rel=\"category tag\">Municipis<\/a>, <a href=\"https:\/\/www.psib-psoe.org\/mallorca\/category\/portada\/\" rel=\"category tag\">Portada<\/a><\/aside>\n\t\t\t\t<h3 itemprop=\"headline\"><a href=\"https:\/\/www.psib-psoe.org\/mallorca\/els-socialistes-de-llucmajor-exigeixen-a-lajuntament-un-pla-integral-de-manteniment-per-als-centres-educatius-publics-del-municipi\/\" title=\"Els Socialistes de Llucmajor exigeixen a l\u2019Ajuntament un pla integral de manteniment per als centres educatius p\u00fablics del municipi.\">Els Socialistes de Llucmajor exigeixen a l\u2019Ajuntament un pla integral de manteniment per als centres educatius p\u00fablics del municipi.<\/a><\/h3>\n\t\t\t<\/header>\n\t\t<\/div>\n\t\t<div class=\"post-content\">\n\t\t\t<a href=\"https:\/\/www.psib-psoe.org\/mallorca\/els-socialistes-de-llucmajor-exigeixen-a-lajuntament-un-pla-integral-de-manteniment-per-als-centres-educatius-publics-del-municipi\/\" class=\"more-link\">Read More<\/a>\n\t\t<\/div>\n\t\t\t<aside class=\"post-bottom-meta hide\">\n\t\t<strong rel=\"author\" itemprop=\"author\" class=\"author vcard\"><span class=\"fn\">Albert<\/span><\/strong>\n\t\t<time class=\"date published time\" datetime=\"2025-05-07T15:36:58+02:00\" itemprop=\"datePublished\" content=\"2025-05-07T15:36:58+02:00\">07\/05\/2025<\/time>\n\t\t<meta itemprop=\"dateModified\" class=\"date updated\" content=\"2025-05-07T15:37:09+02:00\">\n\t\t<span class=\"hide\" itemprop=\"publisher\" itemscope itemtype=\"https:\/\/schema.org\/Organization\">\n\t\t\t<meta itemprop=\"name\" content=\"SocialistesdMca\">\n\t\t\t<span itemprop=\"logo\" itemscope itemtype=\"https:\/\/schema.org\/ImageObject\">\n\t\t\t\t<meta itemprop=\"url\" content=\"https:\/\/www.psib-psoe.org\/mallorca\/wp-content\/themes\/notio-wp\/assets\/img\/logo.png\">\n\t\t\t<\/span>\n\t\t\t<meta itemprop=\"url\" content=\"https:\/\/www.psib-psoe.org\/mallorca\/\">\n\t\t<\/span>\n\t\t\t\t<span class=\"hide\" itemprop=\"image\" itemscope itemtype=\"http:\/\/schema.org\/ImageObject\">\n\t\t\t<meta itemprop=\"url\" content=\"https:\/\/www.psib-psoe.org\/mallorca\/wp-content\/uploads\/Aula-Llucmajor.jpg\">\n\t\t\t<meta itemprop=\"width\" content=\"900\">\n\t\t\t<meta itemprop=\"height\" content=\"1600\">\n\t\t<\/span>\n\t\t\t\t<meta itemscope itemprop=\"mainEntityOfPage\" itemtype=\"https:\/\/schema.org\/WebPage\" itemid=\"https:\/\/www.psib-psoe.org\/mallorca\/els-socialistes-de-llucmajor-exigeixen-a-lajuntament-un-pla-integral-de-manteniment-per-als-centres-educatius-publics-del-municipi\/\">\n\t<\/aside>\n\t\t<\/article>\n<\/div>\n<div class=\"small-12 large-4 columns\">\n\t<article itemscope itemtype=\"http:\/\/schema.org\/Article\" class=\"post blog-style7 alt post-29762 type-post status-publish format-standard has-post-thumbnail hentry category-consell-de-mallorca category-federacio-de-mallorca category-federacio-de-mallorca-portada category-portada tag-amanda-fernandez tag-catalina-cladera tag-consell-de-mallorca tag-federacio-socialista-de-mallorca tag-javier-de-juan tag-joan-ferrer tag-juana-m-adrover tag-psib-psoe tag-sofia-alonso\" role=\"article\">\n\t\t<figure class=\"post-gallery\"><img loading=\"lazy\" decoding=\"async\" width=\"600\" height=\"400\" src=\"https:\/\/www.psib-psoe.org\/mallorca\/wp-content\/uploads\/Catalina-rdp-070525-600x400.jpg\" class=\"attachment-notio-general-x2 size-notio-general-x2 wp-post-image\" alt=\"\" srcset=\"https:\/\/www.psib-psoe.org\/mallorca\/wp-content\/uploads\/Catalina-rdp-070525-600x400.jpg 600w, https:\/\/www.psib-psoe.org\/mallorca\/wp-content\/uploads\/Catalina-rdp-070525-300x200.jpg 300w, https:\/\/www.psib-psoe.org\/mallorca\/wp-content\/uploads\/Catalina-rdp-070525-900x600.jpg 900w, https:\/\/www.psib-psoe.org\/mallorca\/wp-content\/uploads\/Catalina-rdp-070525-20x13.jpg 20w\" sizes=\"(max-width: 600px) 100vw, 600px\" \/><\/figure>\n\t\t<div class=\"blog-top\">\n\t\t\t<header class=\"post-title entry-header\">\n\t\t\t\t<aside class=\"post-meta cf\">\n\t\t07\/05\/2025 \/ <a href=\"https:\/\/www.psib-psoe.org\/mallorca\/category\/consell-de-mallorca\/\" rel=\"category tag\">Consell de Mallorca<\/a>, <a href=\"https:\/\/www.psib-psoe.org\/mallorca\/category\/federacio-de-mallorca\/\" rel=\"category tag\">Federaci\u00f3 de Mallorca<\/a>, <a href=\"https:\/\/www.psib-psoe.org\/mallorca\/category\/federacio-de-mallorca-portada\/\" rel=\"category tag\">Federaci\u00f3 de Mallorca - Portada<\/a>, <a href=\"https:\/\/www.psib-psoe.org\/mallorca\/category\/portada\/\" rel=\"category tag\">Portada<\/a><\/aside>\n\t\t\t\t<h3 itemprop=\"headline\"><a href=\"https:\/\/www.psib-psoe.org\/mallorca\/els-socialistes-recriminen-galmes-per-no-adoptar-cap-mesura-contra-la-saturacio-turistica-el-collapse-a-les-carreteres-o-per-lacces-a-lhabitatge-en-dos-anys-de-legislatura\/\" title=\"Els Socialistes recriminen Galm\u00e9s per no adoptar cap mesura contra la saturaci\u00f3 tur\u00edstica, el col\u00b7lapse a les carreteres o per l\u2019acc\u00e9s a l\u2019habitatge, en dos anys de legislatura.\">Els Socialistes recriminen Galm\u00e9s per no adoptar cap mesura contra la saturaci\u00f3 tur\u00edstica, el col\u00b7lapse a les carreteres o per l\u2019acc\u00e9s a l\u2019habitatge, en dos anys de legislatura.<\/a><\/h3>\n\t\t\t<\/header>\n\t\t<\/div>\n\t\t<div class=\"post-content\">\n\t\t\t<a href=\"https:\/\/www.psib-psoe.org\/mallorca\/els-socialistes-recriminen-galmes-per-no-adoptar-cap-mesura-contra-la-saturacio-turistica-el-collapse-a-les-carreteres-o-per-lacces-a-lhabitatge-en-dos-anys-de-legislatura\/\" class=\"more-link\">Read More<\/a>\n\t\t<\/div>\n\t\t\t<aside class=\"post-bottom-meta hide\">\n\t\t<strong rel=\"author\" itemprop=\"author\" class=\"author vcard\"><span class=\"fn\">Albert<\/span><\/strong>\n\t\t<time class=\"date published time\" datetime=\"2025-05-07T13:36:07+02:00\" itemprop=\"datePublished\" content=\"2025-05-07T13:36:07+02:00\">07\/05\/2025<\/time>\n\t\t<meta itemprop=\"dateModified\" class=\"date updated\" content=\"2025-05-07T13:36:20+02:00\">\n\t\t<span class=\"hide\" itemprop=\"publisher\" itemscope itemtype=\"https:\/\/schema.org\/Organization\">\n\t\t\t<meta itemprop=\"name\" content=\"SocialistesdMca\">\n\t\t\t<span itemprop=\"logo\" itemscope itemtype=\"https:\/\/schema.org\/ImageObject\">\n\t\t\t\t<meta itemprop=\"url\" content=\"https:\/\/www.psib-psoe.org\/mallorca\/wp-content\/themes\/notio-wp\/assets\/img\/logo.png\">\n\t\t\t<\/span>\n\t\t\t<meta itemprop=\"url\" content=\"https:\/\/www.psib-psoe.org\/mallorca\/\">\n\t\t<\/span>\n\t\t\t\t<span class=\"hide\" itemprop=\"image\" itemscope itemtype=\"http:\/\/schema.org\/ImageObject\">\n\t\t\t<meta itemprop=\"url\" content=\"https:\/\/www.psib-psoe.org\/mallorca\/wp-content\/uploads\/Catalina-rdp-070525.jpg\">\n\t\t\t<meta itemprop=\"width\" content=\"2560\">\n\t\t\t<meta itemprop=\"height\" content=\"1920\">\n\t\t<\/span>\n\t\t\t\t<meta itemscope itemprop=\"mainEntityOfPage\" itemtype=\"https:\/\/schema.org\/WebPage\" itemid=\"https:\/\/www.psib-psoe.org\/mallorca\/els-socialistes-recriminen-galmes-per-no-adoptar-cap-mesura-contra-la-saturacio-turistica-el-collapse-a-les-carreteres-o-per-lacces-a-lhabitatge-en-dos-anys-de-legislatura\/\">\n\t<\/aside>\n\t\t<\/article>\n<\/div>\n<div class=\"small-12 large-4 columns\">\n\t<article itemscope itemtype=\"http:\/\/schema.org\/Article\" class=\"post blog-style7 alt post-29759 type-post status-publish format-standard has-post-thumbnail hentry category-federacio-de-mallorca category-federacio-de-mallorca-portada category-municipis category-portada tag-amanda-fernandez tag-federacio-socialista-de-mallorca tag-jaume-j-oliver tag-jaume-oliver tag-llucmajor tag-psib-psoe\" role=\"article\">\n\t\t<figure class=\"post-gallery\"><img loading=\"lazy\" decoding=\"async\" width=\"600\" height=\"400\" src=\"https:\/\/www.psib-psoe.org\/mallorca\/wp-content\/uploads\/030525-Crisi-de-govern-Llucmajor-imatge-creada-amb-IA-600x400.jpeg\" class=\"attachment-notio-general-x2 size-notio-general-x2 wp-post-image\" alt=\"\" srcset=\"https:\/\/www.psib-psoe.org\/mallorca\/wp-content\/uploads\/030525-Crisi-de-govern-Llucmajor-imatge-creada-amb-IA-600x400.jpeg 600w, https:\/\/www.psib-psoe.org\/mallorca\/wp-content\/uploads\/030525-Crisi-de-govern-Llucmajor-imatge-creada-amb-IA-300x200.jpeg 300w, https:\/\/www.psib-psoe.org\/mallorca\/wp-content\/uploads\/030525-Crisi-de-govern-Llucmajor-imatge-creada-amb-IA-900x600.jpeg 900w, https:\/\/www.psib-psoe.org\/mallorca\/wp-content\/uploads\/030525-Crisi-de-govern-Llucmajor-imatge-creada-amb-IA-20x13.jpeg 20w\" sizes=\"(max-width: 600px) 100vw, 600px\" \/><\/figure>\n\t\t<div class=\"blog-top\">\n\t\t\t<header class=\"post-title entry-header\">\n\t\t\t\t<aside class=\"post-meta cf\">\n\t\t03\/05\/2025 \/ <a href=\"https:\/\/www.psib-psoe.org\/mallorca\/category\/federacio-de-mallorca\/\" rel=\"category tag\">Federaci\u00f3 de Mallorca<\/a>, <a href=\"https:\/\/www.psib-psoe.org\/mallorca\/category\/federacio-de-mallorca-portada\/\" rel=\"category tag\">Federaci\u00f3 de Mallorca - Portada<\/a>, <a href=\"https:\/\/www.psib-psoe.org\/mallorca\/category\/municipis\/\" rel=\"category tag\">Municipis<\/a>, <a href=\"https:\/\/www.psib-psoe.org\/mallorca\/category\/portada\/\" rel=\"category tag\">Portada<\/a><\/aside>\n\t\t\t\t<h3 itemprop=\"headline\"><a href=\"https:\/\/www.psib-psoe.org\/mallorca\/els-socialistes-de-llucmajor-exigeixen-explicacions-a-la-batlessa-davant-una-nova-crisi-de-govern-entre-pp-vox-i-asi-viscuda-al-darrer-ple-municipal\/\" title=\"Els Socialistes de Llucmajor exigeixen explicacions a la batlessa davant una nova crisi de govern entre PP, VOX i ASI viscuda al darrer ple municipal\">Els Socialistes de Llucmajor exigeixen explicacions a la batlessa davant una nova crisi de govern entre PP, VOX i ASI viscuda al darrer ple municipal<\/a><\/h3>\n\t\t\t<\/header>\n\t\t<\/div>\n\t\t<div class=\"post-content\">\n\t\t\t<a href=\"https:\/\/www.psib-psoe.org\/mallorca\/els-socialistes-de-llucmajor-exigeixen-explicacions-a-la-batlessa-davant-una-nova-crisi-de-govern-entre-pp-vox-i-asi-viscuda-al-darrer-ple-municipal\/\" class=\"more-link\">Read More<\/a>\n\t\t<\/div>\n\t\t\t<aside class=\"post-bottom-meta hide\">\n\t\t<strong rel=\"author\" itemprop=\"author\" class=\"author vcard\"><span class=\"fn\">Marc<\/span><\/strong>\n\t\t<time class=\"date published time\" datetime=\"2025-05-03T08:45:53+02:00\" itemprop=\"datePublished\" content=\"2025-05-03T08:45:53+02:00\">03\/05\/2025<\/time>\n\t\t<meta itemprop=\"dateModified\" class=\"date updated\" content=\"2025-05-03T08:46:05+02:00\">\n\t\t<span class=\"hide\" itemprop=\"publisher\" itemscope itemtype=\"https:\/\/schema.org\/Organization\">\n\t\t\t<meta itemprop=\"name\" content=\"SocialistesdMca\">\n\t\t\t<span itemprop=\"logo\" itemscope itemtype=\"https:\/\/schema.org\/ImageObject\">\n\t\t\t\t<meta itemprop=\"url\" content=\"https:\/\/www.psib-psoe.org\/mallorca\/wp-content\/themes\/notio-wp\/assets\/img\/logo.png\">\n\t\t\t<\/span>\n\t\t\t<meta itemprop=\"url\" content=\"https:\/\/www.psib-psoe.org\/mallorca\/\">\n\t\t<\/span>\n\t\t\t\t<span class=\"hide\" itemprop=\"image\" itemscope itemtype=\"http:\/\/schema.org\/ImageObject\">\n\t\t\t<meta itemprop=\"url\" content=\"https:\/\/www.psib-psoe.org\/mallorca\/wp-content\/uploads\/030525-Crisi-de-govern-Llucmajor-imatge-creada-amb-IA.jpeg\">\n\t\t\t<meta itemprop=\"width\" content=\"1024\">\n\t\t\t<meta itemprop=\"height\" content=\"1024\">\n\t\t<\/span>\n\t\t\t\t<meta itemscope itemprop=\"mainEntityOfPage\" itemtype=\"https:\/\/schema.org\/WebPage\" itemid=\"https:\/\/www.psib-psoe.org\/mallorca\/els-socialistes-de-llucmajor-exigeixen-explicacions-a-la-batlessa-davant-una-nova-crisi-de-govern-entre-pp-vox-i-asi-viscuda-al-darrer-ple-municipal\/\">\n\t<\/aside>\n\t\t<\/article>\n<\/div>\n<div class=\"small-12 large-4 columns\">\n\t<article itemscope itemtype=\"http:\/\/schema.org\/Article\" class=\"post blog-style7 alt post-29755 type-post status-publish format-standard has-post-thumbnail hentry category-consell-de-mallorca category-federacio-de-mallorca category-federacio-de-mallorca-portada category-portada tag-amanda-fernandez tag-catalina-cladera tag-consell-de-mallorca tag-federacio-socialista-de-mallorca tag-javier-de-juan tag-psib-psoe tag-sofia-alonso\" role=\"article\">\n\t\t<figure class=\"post-gallery\"><img loading=\"lazy\" decoding=\"async\" width=\"600\" height=\"400\" src=\"https:\/\/www.psib-psoe.org\/mallorca\/wp-content\/uploads\/IMG-20250502-WA0044-600x400.jpg\" class=\"attachment-notio-general-x2 size-notio-general-x2 wp-post-image\" alt=\"\" srcset=\"https:\/\/www.psib-psoe.org\/mallorca\/wp-content\/uploads\/IMG-20250502-WA0044-600x400.jpg 600w, https:\/\/www.psib-psoe.org\/mallorca\/wp-content\/uploads\/IMG-20250502-WA0044-300x200.jpg 300w, https:\/\/www.psib-psoe.org\/mallorca\/wp-content\/uploads\/IMG-20250502-WA0044-900x600.jpg 900w, https:\/\/www.psib-psoe.org\/mallorca\/wp-content\/uploads\/IMG-20250502-WA0044-20x13.jpg 20w\" sizes=\"(max-width: 600px) 100vw, 600px\" \/><\/figure>\n\t\t<div class=\"blog-top\">\n\t\t\t<header class=\"post-title entry-header\">\n\t\t\t\t<aside class=\"post-meta cf\">\n\t\t02\/05\/2025 \/ <a href=\"https:\/\/www.psib-psoe.org\/mallorca\/category\/consell-de-mallorca\/\" rel=\"category tag\">Consell de Mallorca<\/a>, <a href=\"https:\/\/www.psib-psoe.org\/mallorca\/category\/federacio-de-mallorca\/\" rel=\"category tag\">Federaci\u00f3 de Mallorca<\/a>, <a href=\"https:\/\/www.psib-psoe.org\/mallorca\/category\/federacio-de-mallorca-portada\/\" rel=\"category tag\">Federaci\u00f3 de Mallorca - Portada<\/a>, <a href=\"https:\/\/www.psib-psoe.org\/mallorca\/category\/portada\/\" rel=\"category tag\">Portada<\/a><\/aside>\n\t\t\t\t<h3 itemprop=\"headline\"><a href=\"https:\/\/www.psib-psoe.org\/mallorca\/els-socialistes-exigeixen-a-limas-que-mantingui-els-llocs-de-feina-dels-treballadors-des-refugi\/\" title=\"Els Socialistes exigeixen a l\u2019IMAS que mantingui els llocs de feina dels treballadors d\u2019es Refugi.\">Els Socialistes exigeixen a l\u2019IMAS que mantingui els llocs de feina dels treballadors d\u2019es Refugi.<\/a><\/h3>\n\t\t\t<\/header>\n\t\t<\/div>\n\t\t<div class=\"post-content\">\n\t\t\t<a href=\"https:\/\/www.psib-psoe.org\/mallorca\/els-socialistes-exigeixen-a-limas-que-mantingui-els-llocs-de-feina-dels-treballadors-des-refugi\/\" class=\"more-link\">Read More<\/a>\n\t\t<\/div>\n\t\t\t<aside class=\"post-bottom-meta hide\">\n\t\t<strong rel=\"author\" itemprop=\"author\" class=\"author vcard\"><span class=\"fn\">Albert<\/span><\/strong>\n\t\t<time class=\"date published time\" datetime=\"2025-05-02T13:41:41+02:00\" itemprop=\"datePublished\" content=\"2025-05-02T13:41:41+02:00\">02\/05\/2025<\/time>\n\t\t<meta itemprop=\"dateModified\" class=\"date updated\" content=\"2025-05-02T13:41:52+02:00\">\n\t\t<span class=\"hide\" itemprop=\"publisher\" itemscope itemtype=\"https:\/\/schema.org\/Organization\">\n\t\t\t<meta itemprop=\"name\" content=\"SocialistesdMca\">\n\t\t\t<span itemprop=\"logo\" itemscope itemtype=\"https:\/\/schema.org\/ImageObject\">\n\t\t\t\t<meta itemprop=\"url\" content=\"https:\/\/www.psib-psoe.org\/mallorca\/wp-content\/themes\/notio-wp\/assets\/img\/logo.png\">\n\t\t\t<\/span>\n\t\t\t<meta itemprop=\"url\" content=\"https:\/\/www.psib-psoe.org\/mallorca\/\">\n\t\t<\/span>\n\t\t\t\t<span class=\"hide\" itemprop=\"image\" itemscope itemtype=\"http:\/\/schema.org\/ImageObject\">\n\t\t\t<meta itemprop=\"url\" content=\"https:\/\/www.psib-psoe.org\/mallorca\/wp-content\/uploads\/IMG-20250502-WA0044-scaled.jpg\">\n\t\t\t<meta itemprop=\"width\" content=\"2560\">\n\t\t\t<meta itemprop=\"height\" content=\"1920\">\n\t\t<\/span>\n\t\t\t\t<meta itemscope itemprop=\"mainEntityOfPage\" itemtype=\"https:\/\/schema.org\/WebPage\" itemid=\"https:\/\/www.psib-psoe.org\/mallorca\/els-socialistes-exigeixen-a-limas-que-mantingui-els-llocs-de-feina-dels-treballadors-des-refugi\/\">\n\t<\/aside>\n\t\t<\/article>\n<\/div>\n<div class=\"small-12 large-4 columns\">\n\t<article itemscope itemtype=\"http:\/\/schema.org\/Article\" class=\"post blog-style7 alt post-29750 type-post status-publish format-standard has-post-thumbnail hentry category-consell-de-mallorca category-federacio-de-mallorca category-federacio-de-mallorca-portada category-portada tag-amanda-fernandez tag-catalina-cladera tag-consell-de-mallorca tag-federacio-socialista-de-mallorca tag-psib-psoe tag-sofia-alonso\" role=\"article\">\n\t\t<figure class=\"post-gallery\"><img loading=\"lazy\" decoding=\"async\" width=\"600\" height=\"400\" src=\"https:\/\/www.psib-psoe.org\/mallorca\/wp-content\/uploads\/Sofia-1-600x400.jpg\" class=\"attachment-notio-general-x2 size-notio-general-x2 wp-post-image\" alt=\"\" srcset=\"https:\/\/www.psib-psoe.org\/mallorca\/wp-content\/uploads\/Sofia-1-600x400.jpg 600w, https:\/\/www.psib-psoe.org\/mallorca\/wp-content\/uploads\/Sofia-1-300x200.jpg 300w, https:\/\/www.psib-psoe.org\/mallorca\/wp-content\/uploads\/Sofia-1-900x600.jpg 900w, https:\/\/www.psib-psoe.org\/mallorca\/wp-content\/uploads\/Sofia-1-20x13.jpg 20w\" sizes=\"(max-width: 600px) 100vw, 600px\" \/><\/figure>\n\t\t<div class=\"blog-top\">\n\t\t\t<header class=\"post-title entry-header\">\n\t\t\t\t<aside class=\"post-meta cf\">\n\t\t30\/04\/2025 \/ <a href=\"https:\/\/www.psib-psoe.org\/mallorca\/category\/consell-de-mallorca\/\" rel=\"category tag\">Consell de Mallorca<\/a>, <a href=\"https:\/\/www.psib-psoe.org\/mallorca\/category\/federacio-de-mallorca\/\" rel=\"category tag\">Federaci\u00f3 de Mallorca<\/a>, <a href=\"https:\/\/www.psib-psoe.org\/mallorca\/category\/federacio-de-mallorca-portada\/\" rel=\"category tag\">Federaci\u00f3 de Mallorca - Portada<\/a>, <a href=\"https:\/\/www.psib-psoe.org\/mallorca\/category\/portada\/\" rel=\"category tag\">Portada<\/a><\/aside>\n\t\t\t\t<h3 itemprop=\"headline\"><a href=\"https:\/\/www.psib-psoe.org\/mallorca\/el-grup-socialista-al-consell-lamenta-que-el-president-de-limas-abandoni-a-la-seva-sort-a-tota-la-plantilla-de-treballadors-des-refugi\/\" title=\"El Grup Socialista al Consell lamenta que el president de l\u2019IMAS abandoni a la seva sort a tota la plantilla de treballadors d\u2019es Refugi.\">El Grup Socialista al Consell lamenta que el president de l\u2019IMAS abandoni a la seva sort a tota la plantilla de treballadors d\u2019es Refugi.<\/a><\/h3>\n\t\t\t<\/header>\n\t\t<\/div>\n\t\t<div class=\"post-content\">\n\t\t\t<a href=\"https:\/\/www.psib-psoe.org\/mallorca\/el-grup-socialista-al-consell-lamenta-que-el-president-de-limas-abandoni-a-la-seva-sort-a-tota-la-plantilla-de-treballadors-des-refugi\/\" class=\"more-link\">Read More<\/a>\n\t\t<\/div>\n\t\t\t<aside class=\"post-bottom-meta hide\">\n\t\t<strong rel=\"author\" itemprop=\"author\" class=\"author vcard\"><span class=\"fn\">Albert<\/span><\/strong>\n\t\t<time class=\"date published time\" datetime=\"2025-04-30T19:23:13+02:00\" itemprop=\"datePublished\" content=\"2025-04-30T19:23:13+02:00\">30\/04\/2025<\/time>\n\t\t<meta itemprop=\"dateModified\" class=\"date updated\" content=\"2025-04-30T19:23:24+02:00\">\n\t\t<span class=\"hide\" itemprop=\"publisher\" itemscope itemtype=\"https:\/\/schema.org\/Organization\">\n\t\t\t<meta itemprop=\"name\" content=\"SocialistesdMca\">\n\t\t\t<span itemprop=\"logo\" itemscope itemtype=\"https:\/\/schema.org\/ImageObject\">\n\t\t\t\t<meta itemprop=\"url\" content=\"https:\/\/www.psib-psoe.org\/mallorca\/wp-content\/themes\/notio-wp\/assets\/img\/logo.png\">\n\t\t\t<\/span>\n\t\t\t<meta itemprop=\"url\" content=\"https:\/\/www.psib-psoe.org\/mallorca\/\">\n\t\t<\/span>\n\t\t\t\t<span class=\"hide\" itemprop=\"image\" itemscope itemtype=\"http:\/\/schema.org\/ImageObject\">\n\t\t\t<meta itemprop=\"url\" content=\"https:\/\/www.psib-psoe.org\/mallorca\/wp-content\/uploads\/Sofia-1.jpg\">\n\t\t\t<meta itemprop=\"width\" content=\"1536\">\n\t\t\t<meta itemprop=\"height\" content=\"2048\">\n\t\t<\/span>\n\t\t\t\t<meta itemscope itemprop=\"mainEntityOfPage\" itemtype=\"https:\/\/schema.org\/WebPage\" itemid=\"https:\/\/www.psib-psoe.org\/mallorca\/el-grup-socialista-al-consell-lamenta-que-el-president-de-limas-abandoni-a-la-seva-sort-a-tota-la-plantilla-de-treballadors-des-refugi\/\">\n\t<\/aside>\n\t\t<\/article>\n<\/div>\n<div class=\"small-12 large-4 columns\">\n\t<article itemscope itemtype=\"http:\/\/schema.org\/Article\" class=\"post blog-style7 alt post-29747 type-post status-publish format-standard has-post-thumbnail hentry category-federacio-de-mallorca category-federacio-de-mallorca-portada category-municipis category-portada tag-agrupacio-socialista-sa-pobla tag-amanda-fernandez tag-federacio-socialista-de-mallorca tag-psib-psoe tag-sa-pobla\" role=\"article\">\n\t\t<figure class=\"post-gallery\"><img loading=\"lazy\" decoding=\"async\" width=\"600\" height=\"400\" src=\"https:\/\/www.psib-psoe.org\/mallorca\/wp-content\/uploads\/300425_Espais-Verds-Sa-Pobla-2-600x400.jpeg\" class=\"attachment-notio-general-x2 size-notio-general-x2 wp-post-image\" alt=\"\" srcset=\"https:\/\/www.psib-psoe.org\/mallorca\/wp-content\/uploads\/300425_Espais-Verds-Sa-Pobla-2-600x400.jpeg 600w, https:\/\/www.psib-psoe.org\/mallorca\/wp-content\/uploads\/300425_Espais-Verds-Sa-Pobla-2-300x200.jpeg 300w, https:\/\/www.psib-psoe.org\/mallorca\/wp-content\/uploads\/300425_Espais-Verds-Sa-Pobla-2-900x600.jpeg 900w, https:\/\/www.psib-psoe.org\/mallorca\/wp-content\/uploads\/300425_Espais-Verds-Sa-Pobla-2-20x13.jpeg 20w\" sizes=\"(max-width: 600px) 100vw, 600px\" \/><\/figure>\n\t\t<div class=\"blog-top\">\n\t\t\t<header class=\"post-title entry-header\">\n\t\t\t\t<aside class=\"post-meta cf\">\n\t\t30\/04\/2025 \/ <a href=\"https:\/\/www.psib-psoe.org\/mallorca\/category\/federacio-de-mallorca\/\" rel=\"category tag\">Federaci\u00f3 de Mallorca<\/a>, <a href=\"https:\/\/www.psib-psoe.org\/mallorca\/category\/federacio-de-mallorca-portada\/\" rel=\"category tag\">Federaci\u00f3 de Mallorca - Portada<\/a>, <a href=\"https:\/\/www.psib-psoe.org\/mallorca\/category\/municipis\/\" rel=\"category tag\">Municipis<\/a>, <a href=\"https:\/\/www.psib-psoe.org\/mallorca\/category\/portada\/\" rel=\"category tag\">Portada<\/a><\/aside>\n\t\t\t\t<h3 itemprop=\"headline\"><a href=\"https:\/\/www.psib-psoe.org\/mallorca\/sa-pobla-comptara-amb-nous-espais-verds-i-per-a-vianants-gracies-al-partit-socialista\/\" title=\"Sa Pobla comptar\u00e0 amb nous espais verds i per a vianants gr\u00e0cies al Partit Socialista\">Sa Pobla comptar\u00e0 amb nous espais verds i per a vianants gr\u00e0cies al Partit Socialista<\/a><\/h3>\n\t\t\t<\/header>\n\t\t<\/div>\n\t\t<div class=\"post-content\">\n\t\t\t<a href=\"https:\/\/www.psib-psoe.org\/mallorca\/sa-pobla-comptara-amb-nous-espais-verds-i-per-a-vianants-gracies-al-partit-socialista\/\" class=\"more-link\">Read More<\/a>\n\t\t<\/div>\n\t\t\t<aside class=\"post-bottom-meta hide\">\n\t\t<strong rel=\"author\" itemprop=\"author\" class=\"author vcard\"><span class=\"fn\">Marc<\/span><\/strong>\n\t\t<time class=\"date published time\" datetime=\"2025-04-30T14:44:34+02:00\" itemprop=\"datePublished\" content=\"2025-04-30T14:44:34+02:00\">30\/04\/2025<\/time>\n\t\t<meta itemprop=\"dateModified\" class=\"date updated\" content=\"2025-04-30T14:44:47+02:00\">\n\t\t<span class=\"hide\" itemprop=\"publisher\" itemscope itemtype=\"https:\/\/schema.org\/Organization\">\n\t\t\t<meta itemprop=\"name\" content=\"SocialistesdMca\">\n\t\t\t<span itemprop=\"logo\" itemscope itemtype=\"https:\/\/schema.org\/ImageObject\">\n\t\t\t\t<meta itemprop=\"url\" content=\"https:\/\/www.psib-psoe.org\/mallorca\/wp-content\/themes\/notio-wp\/assets\/img\/logo.png\">\n\t\t\t<\/span>\n\t\t\t<meta itemprop=\"url\" content=\"https:\/\/www.psib-psoe.org\/mallorca\/\">\n\t\t<\/span>\n\t\t\t\t<span class=\"hide\" itemprop=\"image\" itemscope itemtype=\"http:\/\/schema.org\/ImageObject\">\n\t\t\t<meta itemprop=\"url\" content=\"https:\/\/www.psib-psoe.org\/mallorca\/wp-content\/uploads\/300425_Espais-Verds-Sa-Pobla-2.jpeg\">\n\t\t\t<meta itemprop=\"width\" content=\"1200\">\n\t\t\t<meta itemprop=\"height\" content=\"1600\">\n\t\t<\/span>\n\t\t\t\t<meta itemscope itemprop=\"mainEntityOfPage\" itemtype=\"https:\/\/schema.org\/WebPage\" itemid=\"https:\/\/www.psib-psoe.org\/mallorca\/sa-pobla-comptara-amb-nous-espais-verds-i-per-a-vianants-gracies-al-partit-socialista\/\">\n\t<\/aside>\n\t\t<\/article>\n<\/div>\n<div class=\"small-12 large-4 columns\">\n\t<article itemscope itemtype=\"http:\/\/schema.org\/Article\" class=\"post blog-style7 alt post-29742 type-post status-publish format-standard has-post-thumbnail hentry category-consell-de-mallorca category-federacio-de-mallorca category-federacio-de-mallorca-portada category-municipis category-portada tag-amanda-fernandez tag-andreu-isern tag-catalina-cladera tag-consell-de-mallorca tag-federacio-socialista-de-mallorca tag-juana-m-adrover tag-manolo-galan tag-marga-fullana tag-marti-march-2 tag-pep-lluis-urraca tag-psib-psoe tag-toni-mari tag-virgilio-moreno\" role=\"article\">\n\t\t<figure class=\"post-gallery\"><img loading=\"lazy\" decoding=\"async\" width=\"600\" height=\"400\" src=\"https:\/\/www.psib-psoe.org\/mallorca\/wp-content\/uploads\/Assemblea-Batles-290425-600x400.jpg\" class=\"attachment-notio-general-x2 size-notio-general-x2 wp-post-image\" alt=\"\" srcset=\"https:\/\/www.psib-psoe.org\/mallorca\/wp-content\/uploads\/Assemblea-Batles-290425-600x400.jpg 600w, https:\/\/www.psib-psoe.org\/mallorca\/wp-content\/uploads\/Assemblea-Batles-290425-300x200.jpg 300w, https:\/\/www.psib-psoe.org\/mallorca\/wp-content\/uploads\/Assemblea-Batles-290425-900x600.jpg 900w, https:\/\/www.psib-psoe.org\/mallorca\/wp-content\/uploads\/Assemblea-Batles-290425-20x13.jpg 20w\" sizes=\"(max-width: 600px) 100vw, 600px\" \/><\/figure>\n\t\t<div class=\"blog-top\">\n\t\t\t<header class=\"post-title entry-header\">\n\t\t\t\t<aside class=\"post-meta cf\">\n\t\t29\/04\/2025 \/ <a href=\"https:\/\/www.psib-psoe.org\/mallorca\/category\/consell-de-mallorca\/\" rel=\"category tag\">Consell de Mallorca<\/a>, <a href=\"https:\/\/www.psib-psoe.org\/mallorca\/category\/federacio-de-mallorca\/\" rel=\"category tag\">Federaci\u00f3 de Mallorca<\/a>, <a href=\"https:\/\/www.psib-psoe.org\/mallorca\/category\/federacio-de-mallorca-portada\/\" rel=\"category tag\">Federaci\u00f3 de Mallorca - Portada<\/a>, <a href=\"https:\/\/www.psib-psoe.org\/mallorca\/category\/municipis\/\" rel=\"category tag\">Municipis<\/a>, <a href=\"https:\/\/www.psib-psoe.org\/mallorca\/category\/portada\/\" rel=\"category tag\">Portada<\/a><\/aside>\n\t\t\t\t<h3 itemprop=\"headline\"><a href=\"https:\/\/www.psib-psoe.org\/mallorca\/els-batles-i-batlesses-socialistes-de-mallorca-demanen-millores-per-a-la-gestio-municipal-des-del-consell-el-control-de-colonies-felines-i-el-manteniment-del-camins-rurals-davant-la-passivitat\/\" title=\"Els batles i batlesses socialistes de Mallorca demanen millores per a la gesti\u00f3 municipal des \u00a0del Consell, el control de col\u00f2nies felines i el manteniment del camins rurals, davant la passivitat de l\u2019equip de Govern PPVox.\u00a0\">Els batles i batlesses socialistes de Mallorca demanen millores per a la gesti\u00f3 municipal des \u00a0del Consell, el control de col\u00f2nies felines i el manteniment del camins rurals, davant la passivitat de l\u2019equip de Govern PPVox.\u00a0<\/a><\/h3>\n\t\t\t<\/header>\n\t\t<\/div>\n\t\t<div class=\"post-content\">\n\t\t\t<a href=\"https:\/\/www.psib-psoe.org\/mallorca\/els-batles-i-batlesses-socialistes-de-mallorca-demanen-millores-per-a-la-gestio-municipal-des-del-consell-el-control-de-colonies-felines-i-el-manteniment-del-camins-rurals-davant-la-passivitat\/\" class=\"more-link\">Read More<\/a>\n\t\t<\/div>\n\t\t\t<aside class=\"post-bottom-meta hide\">\n\t\t<strong rel=\"author\" itemprop=\"author\" class=\"author vcard\"><span class=\"fn\">Albert<\/span><\/strong>\n\t\t<time class=\"date published time\" datetime=\"2025-04-29T14:14:30+02:00\" itemprop=\"datePublished\" content=\"2025-04-29T14:14:30+02:00\">29\/04\/2025<\/time>\n\t\t<meta itemprop=\"dateModified\" class=\"date updated\" content=\"2025-04-29T14:14:42+02:00\">\n\t\t<span class=\"hide\" itemprop=\"publisher\" itemscope itemtype=\"https:\/\/schema.org\/Organization\">\n\t\t\t<meta itemprop=\"name\" content=\"SocialistesdMca\">\n\t\t\t<span itemprop=\"logo\" itemscope itemtype=\"https:\/\/schema.org\/ImageObject\">\n\t\t\t\t<meta itemprop=\"url\" content=\"https:\/\/www.psib-psoe.org\/mallorca\/wp-content\/themes\/notio-wp\/assets\/img\/logo.png\">\n\t\t\t<\/span>\n\t\t\t<meta itemprop=\"url\" content=\"https:\/\/www.psib-psoe.org\/mallorca\/\">\n\t\t<\/span>\n\t\t\t\t<span class=\"hide\" itemprop=\"image\" itemscope itemtype=\"http:\/\/schema.org\/ImageObject\">\n\t\t\t<meta itemprop=\"url\" content=\"https:\/\/www.psib-psoe.org\/mallorca\/wp-content\/uploads\/Assemblea-Batles-290425-scaled.jpg\">\n\t\t\t<meta itemprop=\"width\" content=\"2560\">\n\t\t\t<meta itemprop=\"height\" content=\"1920\">\n\t\t<\/span>\n\t\t\t\t<meta itemscope itemprop=\"mainEntityOfPage\" itemtype=\"https:\/\/schema.org\/WebPage\" itemid=\"https:\/\/www.psib-psoe.org\/mallorca\/els-batles-i-batlesses-socialistes-de-mallorca-demanen-millores-per-a-la-gestio-municipal-des-del-consell-el-control-de-colonies-felines-i-el-manteniment-del-camins-rurals-davant-la-passivitat\/\">\n\t<\/aside>\n\t\t<\/article>\n<\/div>\n<div class=\"small-12 large-4 columns\">\n\t<article itemscope itemtype=\"http:\/\/schema.org\/Article\" class=\"post blog-style7 alt post-29739 type-post status-publish format-standard has-post-thumbnail hentry category-consell-de-mallorca category-federacio-de-mallorca category-federacio-de-mallorca-portada category-portada tag-amanda-fernandez tag-catalina-cladera tag-consell-de-mallorca tag-federacio-socialista-de-mallorca tag-psib-psoe tag-sofia-alonso\" role=\"article\">\n\t\t<figure class=\"post-gallery\"><img loading=\"lazy\" decoding=\"async\" width=\"600\" height=\"400\" src=\"https:\/\/www.psib-psoe.org\/mallorca\/wp-content\/uploads\/ple-090125-600x400.jpeg\" class=\"attachment-notio-general-x2 size-notio-general-x2 wp-post-image\" alt=\"\" srcset=\"https:\/\/www.psib-psoe.org\/mallorca\/wp-content\/uploads\/ple-090125-600x400.jpeg 600w, https:\/\/www.psib-psoe.org\/mallorca\/wp-content\/uploads\/ple-090125-300x200.jpeg 300w, https:\/\/www.psib-psoe.org\/mallorca\/wp-content\/uploads\/ple-090125-900x600.jpeg 900w, https:\/\/www.psib-psoe.org\/mallorca\/wp-content\/uploads\/ple-090125-20x13.jpeg 20w\" sizes=\"(max-width: 600px) 100vw, 600px\" \/><\/figure>\n\t\t<div class=\"blog-top\">\n\t\t\t<header class=\"post-title entry-header\">\n\t\t\t\t<aside class=\"post-meta cf\">\n\t\t25\/04\/2025 \/ <a href=\"https:\/\/www.psib-psoe.org\/mallorca\/category\/consell-de-mallorca\/\" rel=\"category tag\">Consell de Mallorca<\/a>, <a href=\"https:\/\/www.psib-psoe.org\/mallorca\/category\/federacio-de-mallorca\/\" rel=\"category tag\">Federaci\u00f3 de Mallorca<\/a>, <a href=\"https:\/\/www.psib-psoe.org\/mallorca\/category\/federacio-de-mallorca-portada\/\" rel=\"category tag\">Federaci\u00f3 de Mallorca - Portada<\/a>, <a href=\"https:\/\/www.psib-psoe.org\/mallorca\/category\/portada\/\" rel=\"category tag\">Portada<\/a><\/aside>\n\t\t\t\t<h3 itemprop=\"headline\"><a href=\"https:\/\/www.psib-psoe.org\/mallorca\/els-socialistes-exigeixen-la-convocatoria-urgent-dun-consell-rector-de-limas-per-que-guillermo-sanchez-expliqui-la-manca-de-suport-a-es-refugi-i-ca-lardiaca\/\" title=\"Els Socialistes exigeixen la convocat\u00f2ria urgent d\u2019un Consell Rector de l\u2019IMAS per que Guillermo S\u00e1nchez expliqui la manca de suport a es Refugi i Ca l\u2019Ardiaca.\u00a0\">Els Socialistes exigeixen la convocat\u00f2ria urgent d\u2019un Consell Rector de l\u2019IMAS per que Guillermo S\u00e1nchez expliqui la manca de suport a es Refugi i Ca l\u2019Ardiaca.\u00a0<\/a><\/h3>\n\t\t\t<\/header>\n\t\t<\/div>\n\t\t<div class=\"post-content\">\n\t\t\t<a href=\"https:\/\/www.psib-psoe.org\/mallorca\/els-socialistes-exigeixen-la-convocatoria-urgent-dun-consell-rector-de-limas-per-que-guillermo-sanchez-expliqui-la-manca-de-suport-a-es-refugi-i-ca-lardiaca\/\" class=\"more-link\">Read More<\/a>\n\t\t<\/div>\n\t\t\t<aside class=\"post-bottom-meta hide\">\n\t\t<strong rel=\"author\" itemprop=\"author\" class=\"author vcard\"><span class=\"fn\">Albert<\/span><\/strong>\n\t\t<time class=\"date published time\" datetime=\"2025-04-25T12:10:12+02:00\" itemprop=\"datePublished\" content=\"2025-04-25T12:10:12+02:00\">25\/04\/2025<\/time>\n\t\t<meta itemprop=\"dateModified\" class=\"date updated\" content=\"2025-04-25T12:10:24+02:00\">\n\t\t<span class=\"hide\" itemprop=\"publisher\" itemscope itemtype=\"https:\/\/schema.org\/Organization\">\n\t\t\t<meta itemprop=\"name\" content=\"SocialistesdMca\">\n\t\t\t<span itemprop=\"logo\" itemscope itemtype=\"https:\/\/schema.org\/ImageObject\">\n\t\t\t\t<meta itemprop=\"url\" content=\"https:\/\/www.psib-psoe.org\/mallorca\/wp-content\/themes\/notio-wp\/assets\/img\/logo.png\">\n\t\t\t<\/span>\n\t\t\t<meta itemprop=\"url\" content=\"https:\/\/www.psib-psoe.org\/mallorca\/\">\n\t\t<\/span>\n\t\t\t\t<span class=\"hide\" itemprop=\"image\" itemscope itemtype=\"http:\/\/schema.org\/ImageObject\">\n\t\t\t<meta itemprop=\"url\" content=\"https:\/\/www.psib-psoe.org\/mallorca\/wp-content\/uploads\/ple-090125-scaled.jpeg\">\n\t\t\t<meta itemprop=\"width\" content=\"2560\">\n\t\t\t<meta itemprop=\"height\" content=\"1920\">\n\t\t<\/span>\n\t\t\t\t<meta itemscope itemprop=\"mainEntityOfPage\" itemtype=\"https:\/\/schema.org\/WebPage\" itemid=\"https:\/\/www.psib-psoe.org\/mallorca\/els-socialistes-exigeixen-la-convocatoria-urgent-dun-consell-rector-de-limas-per-que-guillermo-sanchez-expliqui-la-manca-de-suport-a-es-refugi-i-ca-lardiaca\/\">\n\t<\/aside>\n\t\t<\/article>\n<\/div>\n<div class=\"small-12 large-4 columns\">\n\t<article itemscope itemtype=\"http:\/\/schema.org\/Article\" class=\"post blog-style7 alt post-29737 type-post status-publish format-standard has-post-thumbnail hentry category-federacio-de-mallorca category-federacio-de-mallorca-portada category-municipis category-portada tag-amanda-fernandez tag-bernat-roig tag-catalina-cladera tag-consell-de-mallorca tag-endavant tag-federacio-socialista-de-mallorca tag-psib-psoe\" role=\"article\">\n\t\t<figure class=\"post-gallery\"><img loading=\"lazy\" decoding=\"async\" width=\"600\" height=\"400\" src=\"https:\/\/www.psib-psoe.org\/mallorca\/wp-content\/uploads\/Logo-Endavant-Ses-Salines-i-Colonia-Sant-Jordi-600x400.jpg\" class=\"attachment-notio-general-x2 size-notio-general-x2 wp-post-image\" alt=\"\" srcset=\"https:\/\/www.psib-psoe.org\/mallorca\/wp-content\/uploads\/Logo-Endavant-Ses-Salines-i-Colonia-Sant-Jordi-600x400.jpg 600w, https:\/\/www.psib-psoe.org\/mallorca\/wp-content\/uploads\/Logo-Endavant-Ses-Salines-i-Colonia-Sant-Jordi-300x200.jpg 300w, https:\/\/www.psib-psoe.org\/mallorca\/wp-content\/uploads\/Logo-Endavant-Ses-Salines-i-Colonia-Sant-Jordi-20x13.jpg 20w\" sizes=\"(max-width: 600px) 100vw, 600px\" \/><\/figure>\n\t\t<div class=\"blog-top\">\n\t\t\t<header class=\"post-title entry-header\">\n\t\t\t\t<aside class=\"post-meta cf\">\n\t\t23\/04\/2025 \/ <a href=\"https:\/\/www.psib-psoe.org\/mallorca\/category\/federacio-de-mallorca\/\" rel=\"category tag\">Federaci\u00f3 de Mallorca<\/a>, <a href=\"https:\/\/www.psib-psoe.org\/mallorca\/category\/federacio-de-mallorca-portada\/\" rel=\"category tag\">Federaci\u00f3 de Mallorca - Portada<\/a>, <a href=\"https:\/\/www.psib-psoe.org\/mallorca\/category\/municipis\/\" rel=\"category tag\">Municipis<\/a>, <a href=\"https:\/\/www.psib-psoe.org\/mallorca\/category\/portada\/\" rel=\"category tag\">Portada<\/a><\/aside>\n\t\t\t\t<h3 itemprop=\"headline\"><a href=\"https:\/\/www.psib-psoe.org\/mallorca\/endavant-mostra-la-seva-sorpresa-davant-la-dimissio-del-batle-de-ses-salines\/\" title=\"El PP furta el debat pol\u00edtic sobre Drets Humans i Mem\u00f2ria Democr\u00e0tica a Ses Salines.\">El PP furta el debat pol\u00edtic sobre Drets Humans i Mem\u00f2ria Democr\u00e0tica a Ses Salines.<\/a><\/h3>\n\t\t\t<\/header>\n\t\t<\/div>\n\t\t<div class=\"post-content\">\n\t\t\t<a href=\"https:\/\/www.psib-psoe.org\/mallorca\/endavant-mostra-la-seva-sorpresa-davant-la-dimissio-del-batle-de-ses-salines\/\" class=\"more-link\">Read More<\/a>\n\t\t<\/div>\n\t\t\t<aside class=\"post-bottom-meta hide\">\n\t\t<strong rel=\"author\" itemprop=\"author\" class=\"author vcard\"><span class=\"fn\">Albert<\/span><\/strong>\n\t\t<time class=\"date published time\" datetime=\"2025-04-23T12:21:42+02:00\" itemprop=\"datePublished\" content=\"2025-04-23T12:21:42+02:00\">23\/04\/2025<\/time>\n\t\t<meta itemprop=\"dateModified\" class=\"date updated\" content=\"2025-06-24T11:30:14+02:00\">\n\t\t<span class=\"hide\" itemprop=\"publisher\" itemscope itemtype=\"https:\/\/schema.org\/Organization\">\n\t\t\t<meta itemprop=\"name\" content=\"SocialistesdMca\">\n\t\t\t<span itemprop=\"logo\" itemscope itemtype=\"https:\/\/schema.org\/ImageObject\">\n\t\t\t\t<meta itemprop=\"url\" content=\"https:\/\/www.psib-psoe.org\/mallorca\/wp-content\/themes\/notio-wp\/assets\/img\/logo.png\">\n\t\t\t<\/span>\n\t\t\t<meta itemprop=\"url\" content=\"https:\/\/www.psib-psoe.org\/mallorca\/\">\n\t\t<\/span>\n\t\t\t\t<span class=\"hide\" itemprop=\"image\" itemscope itemtype=\"http:\/\/schema.org\/ImageObject\">\n\t\t\t<meta itemprop=\"url\" content=\"https:\/\/www.psib-psoe.org\/mallorca\/wp-content\/uploads\/Logo-Endavant-Ses-Salines-i-Colonia-Sant-Jordi.jpg\">\n\t\t\t<meta itemprop=\"width\" content=\"1179\">\n\t\t\t<meta itemprop=\"height\" content=\"440\">\n\t\t<\/span>\n\t\t\t\t<meta itemscope itemprop=\"mainEntityOfPage\" itemtype=\"https:\/\/schema.org\/WebPage\" itemid=\"https:\/\/www.psib-psoe.org\/mallorca\/endavant-mostra-la-seva-sorpresa-davant-la-dimissio-del-batle-de-ses-salines\/\">\n\t<\/aside>\n\t\t<\/article>\n<\/div>\n<div class=\"small-12 large-4 columns\">\n\t<article itemscope itemtype=\"http:\/\/schema.org\/Article\" class=\"post blog-style7 alt post-29731 type-post status-publish format-standard has-post-thumbnail hentry category-federacio-de-mallorca category-federacio-de-mallorca-portada category-municipis category-portada tag-amanda-fernandez tag-catalina-cladera tag-consell-de-mallorca tag-federacio-socialista-de-mallorca tag-javier-de-juan tag-psib-psoe\" role=\"article\">\n\t\t<figure class=\"post-gallery\"><img loading=\"lazy\" decoding=\"async\" width=\"600\" height=\"400\" src=\"https:\/\/www.psib-psoe.org\/mallorca\/wp-content\/uploads\/Monolit-Sa-Feixina-600x400.jpeg\" class=\"attachment-notio-general-x2 size-notio-general-x2 wp-post-image\" alt=\"\" srcset=\"https:\/\/www.psib-psoe.org\/mallorca\/wp-content\/uploads\/Monolit-Sa-Feixina-600x400.jpeg 600w, https:\/\/www.psib-psoe.org\/mallorca\/wp-content\/uploads\/Monolit-Sa-Feixina-300x200.jpeg 300w, https:\/\/www.psib-psoe.org\/mallorca\/wp-content\/uploads\/Monolit-Sa-Feixina-900x600.jpeg 900w, https:\/\/www.psib-psoe.org\/mallorca\/wp-content\/uploads\/Monolit-Sa-Feixina-20x13.jpeg 20w\" sizes=\"(max-width: 600px) 100vw, 600px\" \/><\/figure>\n\t\t<div class=\"blog-top\">\n\t\t\t<header class=\"post-title entry-header\">\n\t\t\t\t<aside class=\"post-meta cf\">\n\t\t18\/04\/2025 \/ <a href=\"https:\/\/www.psib-psoe.org\/mallorca\/category\/federacio-de-mallorca\/\" rel=\"category tag\">Federaci\u00f3 de Mallorca<\/a>, <a href=\"https:\/\/www.psib-psoe.org\/mallorca\/category\/federacio-de-mallorca-portada\/\" rel=\"category tag\">Federaci\u00f3 de Mallorca - Portada<\/a>, <a href=\"https:\/\/www.psib-psoe.org\/mallorca\/category\/municipis\/\" rel=\"category tag\">Municipis<\/a>, <a href=\"https:\/\/www.psib-psoe.org\/mallorca\/category\/portada\/\" rel=\"category tag\">Portada<\/a><\/aside>\n\t\t\t\t<h3 itemprop=\"headline\"><a href=\"https:\/\/www.psib-psoe.org\/mallorca\/el-psib-psoe-exigeix-la-retirada-del-monolit-de-sa-feixina-de-palma-per-ser-un-simbol-de-lexaltacio-del-regim-franquista\/\" title=\"El PSIB-PSOE exigeix la retirada del mon\u00f2lit de Sa Feixina de Palma per ser un s\u00edmbol de l\u2019exaltaci\u00f3 del r\u00e8gim franquista\">El PSIB-PSOE exigeix la retirada del mon\u00f2lit de Sa Feixina de Palma per ser un s\u00edmbol de l\u2019exaltaci\u00f3 del r\u00e8gim franquista<\/a><\/h3>\n\t\t\t<\/header>\n\t\t<\/div>\n\t\t<div class=\"post-content\">\n\t\t\t<a href=\"https:\/\/www.psib-psoe.org\/mallorca\/el-psib-psoe-exigeix-la-retirada-del-monolit-de-sa-feixina-de-palma-per-ser-un-simbol-de-lexaltacio-del-regim-franquista\/\" class=\"more-link\">Read More<\/a>\n\t\t<\/div>\n\t\t\t<aside class=\"post-bottom-meta hide\">\n\t\t<strong rel=\"author\" itemprop=\"author\" class=\"author vcard\"><span class=\"fn\">Marc<\/span><\/strong>\n\t\t<time class=\"date published time\" datetime=\"2025-04-18T10:59:34+02:00\" itemprop=\"datePublished\" content=\"2025-04-18T10:59:34+02:00\">18\/04\/2025<\/time>\n\t\t<meta itemprop=\"dateModified\" class=\"date updated\" content=\"2025-04-18T10:59:45+02:00\">\n\t\t<span class=\"hide\" itemprop=\"publisher\" itemscope itemtype=\"https:\/\/schema.org\/Organization\">\n\t\t\t<meta itemprop=\"name\" content=\"SocialistesdMca\">\n\t\t\t<span itemprop=\"logo\" itemscope itemtype=\"https:\/\/schema.org\/ImageObject\">\n\t\t\t\t<meta itemprop=\"url\" content=\"https:\/\/www.psib-psoe.org\/mallorca\/wp-content\/themes\/notio-wp\/assets\/img\/logo.png\">\n\t\t\t<\/span>\n\t\t\t<meta itemprop=\"url\" content=\"https:\/\/www.psib-psoe.org\/mallorca\/\">\n\t\t<\/span>\n\t\t\t\t<span class=\"hide\" itemprop=\"image\" itemscope itemtype=\"http:\/\/schema.org\/ImageObject\">\n\t\t\t<meta itemprop=\"url\" content=\"https:\/\/www.psib-psoe.org\/mallorca\/wp-content\/uploads\/Monolit-Sa-Feixina.jpeg\">\n\t\t\t<meta itemprop=\"width\" content=\"1200\">\n\t\t\t<meta itemprop=\"height\" content=\"675\">\n\t\t<\/span>\n\t\t\t\t<meta itemscope itemprop=\"mainEntityOfPage\" itemtype=\"https:\/\/schema.org\/WebPage\" itemid=\"https:\/\/www.psib-psoe.org\/mallorca\/el-psib-psoe-exigeix-la-retirada-del-monolit-de-sa-feixina-de-palma-per-ser-un-simbol-de-lexaltacio-del-regim-franquista\/\">\n\t<\/aside>\n\t\t<\/article>\n<\/div>\n<div class=\"small-12 large-4 columns\">\n\t<article itemscope itemtype=\"http:\/\/schema.org\/Article\" class=\"post blog-style7 alt post-29726 type-post status-publish format-standard has-post-thumbnail hentry category-consell-de-mallorca category-federacio-de-mallorca category-federacio-de-mallorca-portada category-portada tag-amanda-fernandez tag-catalina-cladera tag-consell-de-mallorca tag-federacio-socialista-de-mallorca tag-javier-de-juan tag-psib-psoe\" role=\"article\">\n\t\t<figure class=\"post-gallery\"><img loading=\"lazy\" decoding=\"async\" width=\"600\" height=\"400\" src=\"https:\/\/www.psib-psoe.org\/mallorca\/wp-content\/uploads\/Ple-extr-160425-600x400.jpg\" class=\"attachment-notio-general-x2 size-notio-general-x2 wp-post-image\" alt=\"\" srcset=\"https:\/\/www.psib-psoe.org\/mallorca\/wp-content\/uploads\/Ple-extr-160425-600x400.jpg 600w, https:\/\/www.psib-psoe.org\/mallorca\/wp-content\/uploads\/Ple-extr-160425-300x200.jpg 300w, https:\/\/www.psib-psoe.org\/mallorca\/wp-content\/uploads\/Ple-extr-160425-900x600.jpg 900w, https:\/\/www.psib-psoe.org\/mallorca\/wp-content\/uploads\/Ple-extr-160425-20x13.jpg 20w\" sizes=\"(max-width: 600px) 100vw, 600px\" \/><\/figure>\n\t\t<div class=\"blog-top\">\n\t\t\t<header class=\"post-title entry-header\">\n\t\t\t\t<aside class=\"post-meta cf\">\n\t\t16\/04\/2025 \/ <a href=\"https:\/\/www.psib-psoe.org\/mallorca\/category\/consell-de-mallorca\/\" rel=\"category tag\">Consell de Mallorca<\/a>, <a href=\"https:\/\/www.psib-psoe.org\/mallorca\/category\/federacio-de-mallorca\/\" rel=\"category tag\">Federaci\u00f3 de Mallorca<\/a>, <a href=\"https:\/\/www.psib-psoe.org\/mallorca\/category\/federacio-de-mallorca-portada\/\" rel=\"category tag\">Federaci\u00f3 de Mallorca - Portada<\/a>, <a href=\"https:\/\/www.psib-psoe.org\/mallorca\/category\/portada\/\" rel=\"category tag\">Portada<\/a><\/aside>\n\t\t\t\t<h3 itemprop=\"headline\"><a href=\"https:\/\/www.psib-psoe.org\/mallorca\/els-vots-del-grup-socialista-contribueixen-a-aprovar-la-subvencio-al-gremi-de-llibreters-davant-la-divisio-de-lequip-de-govern-ppvox\/\" title=\"Els vots del Grup Socialista contribueixen a aprovar la subvenci\u00f3 al Gremi de Llibreters, davant la divisi\u00f3 de l\u2019equip de govern PPVox.\">Els vots del Grup Socialista contribueixen a aprovar la subvenci\u00f3 al Gremi de Llibreters, davant la divisi\u00f3 de l\u2019equip de govern PPVox.<\/a><\/h3>\n\t\t\t<\/header>\n\t\t<\/div>\n\t\t<div class=\"post-content\">\n\t\t\t<a href=\"https:\/\/www.psib-psoe.org\/mallorca\/els-vots-del-grup-socialista-contribueixen-a-aprovar-la-subvencio-al-gremi-de-llibreters-davant-la-divisio-de-lequip-de-govern-ppvox\/\" class=\"more-link\">Read More<\/a>\n\t\t<\/div>\n\t\t\t<aside class=\"post-bottom-meta hide\">\n\t\t<strong rel=\"author\" itemprop=\"author\" class=\"author vcard\"><span class=\"fn\">Albert<\/span><\/strong>\n\t\t<time class=\"date published time\" datetime=\"2025-04-16T20:06:18+02:00\" itemprop=\"datePublished\" content=\"2025-04-16T20:06:18+02:00\">16\/04\/2025<\/time>\n\t\t<meta itemprop=\"dateModified\" class=\"date updated\" content=\"2025-04-16T20:06:30+02:00\">\n\t\t<span class=\"hide\" itemprop=\"publisher\" itemscope itemtype=\"https:\/\/schema.org\/Organization\">\n\t\t\t<meta itemprop=\"name\" content=\"SocialistesdMca\">\n\t\t\t<span itemprop=\"logo\" itemscope itemtype=\"https:\/\/schema.org\/ImageObject\">\n\t\t\t\t<meta itemprop=\"url\" content=\"https:\/\/www.psib-psoe.org\/mallorca\/wp-content\/themes\/notio-wp\/assets\/img\/logo.png\">\n\t\t\t<\/span>\n\t\t\t<meta itemprop=\"url\" content=\"https:\/\/www.psib-psoe.org\/mallorca\/\">\n\t\t<\/span>\n\t\t\t\t<span class=\"hide\" itemprop=\"image\" itemscope itemtype=\"http:\/\/schema.org\/ImageObject\">\n\t\t\t<meta itemprop=\"url\" content=\"https:\/\/www.psib-psoe.org\/mallorca\/wp-content\/uploads\/Ple-extr-160425-scaled.jpg\">\n\t\t\t<meta itemprop=\"width\" content=\"2560\">\n\t\t\t<meta itemprop=\"height\" content=\"1920\">\n\t\t<\/span>\n\t\t\t\t<meta itemscope itemprop=\"mainEntityOfPage\" itemtype=\"https:\/\/schema.org\/WebPage\" itemid=\"https:\/\/www.psib-psoe.org\/mallorca\/els-vots-del-grup-socialista-contribueixen-a-aprovar-la-subvencio-al-gremi-de-llibreters-davant-la-divisio-de-lequip-de-govern-ppvox\/\">\n\t<\/aside>\n\t\t<\/article>\n<\/div>\n<div class=\"small-12 large-4 columns\">\n\t<article itemscope itemtype=\"http:\/\/schema.org\/Article\" class=\"post blog-style7 alt post-29722 type-post status-publish format-standard has-post-thumbnail hentry category-federacio-de-mallorca category-municipis category-portada tag-agrupacio-socialista-de-llucmajor tag-amanda-fernandez tag-ares-fernandez tag-federacio-socialista-de-mallorca tag-jaume-j-oliver tag-llucmajor tag-psib-psoe\" role=\"article\">\n\t\t<figure class=\"post-gallery\"><img loading=\"lazy\" decoding=\"async\" width=\"600\" height=\"400\" src=\"https:\/\/www.psib-psoe.org\/mallorca\/wp-content\/uploads\/Aceres-Arenal-llucmajor-1-600x400.jpg\" class=\"attachment-notio-general-x2 size-notio-general-x2 wp-post-image\" alt=\"\" srcset=\"https:\/\/www.psib-psoe.org\/mallorca\/wp-content\/uploads\/Aceres-Arenal-llucmajor-1-600x400.jpg 600w, https:\/\/www.psib-psoe.org\/mallorca\/wp-content\/uploads\/Aceres-Arenal-llucmajor-1-300x200.jpg 300w, https:\/\/www.psib-psoe.org\/mallorca\/wp-content\/uploads\/Aceres-Arenal-llucmajor-1-900x600.jpg 900w, https:\/\/www.psib-psoe.org\/mallorca\/wp-content\/uploads\/Aceres-Arenal-llucmajor-1-20x13.jpg 20w\" sizes=\"(max-width: 600px) 100vw, 600px\" \/><\/figure>\n\t\t<div class=\"blog-top\">\n\t\t\t<header class=\"post-title entry-header\">\n\t\t\t\t<aside class=\"post-meta cf\">\n\t\t16\/04\/2025 \/ <a href=\"https:\/\/www.psib-psoe.org\/mallorca\/category\/federacio-de-mallorca\/\" rel=\"category tag\">Federaci\u00f3 de Mallorca<\/a>, <a href=\"https:\/\/www.psib-psoe.org\/mallorca\/category\/municipis\/\" rel=\"category tag\">Municipis<\/a>, <a href=\"https:\/\/www.psib-psoe.org\/mallorca\/category\/portada\/\" rel=\"category tag\">Portada<\/a><\/aside>\n\t\t\t\t<h3 itemprop=\"headline\"><a href=\"https:\/\/www.psib-psoe.org\/mallorca\/els-socialistes-de-llucmajor-lamenten-lengany-de-lequip-de-govern-municipal-als-veinats-de-sarenal\/\" title=\"Els Socialistes de Llucmajor lamenten l\u2019engany de l\u2019equip de govern municipal als ve\u00efnats de s\u2019Arenal.\">Els Socialistes de Llucmajor lamenten l\u2019engany de l\u2019equip de govern municipal als ve\u00efnats de s\u2019Arenal.<\/a><\/h3>\n\t\t\t<\/header>\n\t\t<\/div>\n\t\t<div class=\"post-content\">\n\t\t\t<a href=\"https:\/\/www.psib-psoe.org\/mallorca\/els-socialistes-de-llucmajor-lamenten-lengany-de-lequip-de-govern-municipal-als-veinats-de-sarenal\/\" class=\"more-link\">Read More<\/a>\n\t\t<\/div>\n\t\t\t<aside class=\"post-bottom-meta hide\">\n\t\t<strong rel=\"author\" itemprop=\"author\" class=\"author vcard\"><span class=\"fn\">Albert<\/span><\/strong>\n\t\t<time class=\"date published time\" datetime=\"2025-04-16T10:18:01+02:00\" itemprop=\"datePublished\" content=\"2025-04-16T10:18:01+02:00\">16\/04\/2025<\/time>\n\t\t<meta itemprop=\"dateModified\" class=\"date updated\" content=\"2025-04-16T10:18:13+02:00\">\n\t\t<span class=\"hide\" itemprop=\"publisher\" itemscope itemtype=\"https:\/\/schema.org\/Organization\">\n\t\t\t<meta itemprop=\"name\" content=\"SocialistesdMca\">\n\t\t\t<span itemprop=\"logo\" itemscope itemtype=\"https:\/\/schema.org\/ImageObject\">\n\t\t\t\t<meta itemprop=\"url\" content=\"https:\/\/www.psib-psoe.org\/mallorca\/wp-content\/themes\/notio-wp\/assets\/img\/logo.png\">\n\t\t\t<\/span>\n\t\t\t<meta itemprop=\"url\" content=\"https:\/\/www.psib-psoe.org\/mallorca\/\">\n\t\t<\/span>\n\t\t\t\t<span class=\"hide\" itemprop=\"image\" itemscope itemtype=\"http:\/\/schema.org\/ImageObject\">\n\t\t\t<meta itemprop=\"url\" content=\"https:\/\/www.psib-psoe.org\/mallorca\/wp-content\/uploads\/Aceres-Arenal-llucmajor-1.jpg\">\n\t\t\t<meta itemprop=\"width\" content=\"1200\">\n\t\t\t<meta itemprop=\"height\" content=\"1600\">\n\t\t<\/span>\n\t\t\t\t<meta itemscope itemprop=\"mainEntityOfPage\" itemtype=\"https:\/\/schema.org\/WebPage\" itemid=\"https:\/\/www.psib-psoe.org\/mallorca\/els-socialistes-de-llucmajor-lamenten-lengany-de-lequip-de-govern-municipal-als-veinats-de-sarenal\/\">\n\t<\/aside>\n\t\t<\/article>\n<\/div>\n<div class=\"small-12 large-4 columns\">\n\t<article itemscope itemtype=\"http:\/\/schema.org\/Article\" class=\"post blog-style7 alt post-29717 type-post status-publish format-standard has-post-thumbnail hentry category-consell-de-mallorca category-federacio-de-mallorca category-federacio-de-mallorca-portada category-portada tag-amanda-fernandez tag-catalina-cladera tag-consell-de-mallorca tag-federacio-socialista-de-mallorca tag-javier-de-juan tag-psib-psoe\" role=\"article\">\n\t\t<figure class=\"post-gallery\"><img loading=\"lazy\" decoding=\"async\" width=\"600\" height=\"400\" src=\"https:\/\/www.psib-psoe.org\/mallorca\/wp-content\/uploads\/Javier-ple-extr-romanents-150425-600x400.jpg\" class=\"attachment-notio-general-x2 size-notio-general-x2 wp-post-image\" alt=\"\" srcset=\"https:\/\/www.psib-psoe.org\/mallorca\/wp-content\/uploads\/Javier-ple-extr-romanents-150425-600x400.jpg 600w, https:\/\/www.psib-psoe.org\/mallorca\/wp-content\/uploads\/Javier-ple-extr-romanents-150425-300x200.jpg 300w, https:\/\/www.psib-psoe.org\/mallorca\/wp-content\/uploads\/Javier-ple-extr-romanents-150425-900x600.jpg 900w, https:\/\/www.psib-psoe.org\/mallorca\/wp-content\/uploads\/Javier-ple-extr-romanents-150425-20x13.jpg 20w\" sizes=\"(max-width: 600px) 100vw, 600px\" \/><\/figure>\n\t\t<div class=\"blog-top\">\n\t\t\t<header class=\"post-title entry-header\">\n\t\t\t\t<aside class=\"post-meta cf\">\n\t\t15\/04\/2025 \/ <a href=\"https:\/\/www.psib-psoe.org\/mallorca\/category\/consell-de-mallorca\/\" rel=\"category tag\">Consell de Mallorca<\/a>, <a href=\"https:\/\/www.psib-psoe.org\/mallorca\/category\/federacio-de-mallorca\/\" rel=\"category tag\">Federaci\u00f3 de Mallorca<\/a>, <a href=\"https:\/\/www.psib-psoe.org\/mallorca\/category\/federacio-de-mallorca-portada\/\" rel=\"category tag\">Federaci\u00f3 de Mallorca - Portada<\/a>, <a href=\"https:\/\/www.psib-psoe.org\/mallorca\/category\/portada\/\" rel=\"category tag\">Portada<\/a><\/aside>\n\t\t\t\t<h3 itemprop=\"headline\"><a href=\"https:\/\/www.psib-psoe.org\/mallorca\/el-grup-socialista-afirma-que-la-modificacio-de-credit-de-29-me-es-per-tapar-errades-i-generar-titulars-de-premsa-i-acusa-galmes-de-fer-propaganda-pressupostaria\/\" title=\"El Grup Socialista afirma que la modificaci\u00f3 de cr\u00e8dit de 29 M\u20ac \u00e9s per tapar errades i generar titulars de premsa; i acusa Galm\u00e9s de fer \u201cpropaganda pressupost\u00e0ria\u201d.\">El Grup Socialista afirma que la modificaci\u00f3 de cr\u00e8dit de 29 M\u20ac \u00e9s per tapar errades i generar titulars de premsa; i acusa Galm\u00e9s de fer \u201cpropaganda pressupost\u00e0ria\u201d.<\/a><\/h3>\n\t\t\t<\/header>\n\t\t<\/div>\n\t\t<div class=\"post-content\">\n\t\t\t<a href=\"https:\/\/www.psib-psoe.org\/mallorca\/el-grup-socialista-afirma-que-la-modificacio-de-credit-de-29-me-es-per-tapar-errades-i-generar-titulars-de-premsa-i-acusa-galmes-de-fer-propaganda-pressupostaria\/\" class=\"more-link\">Read More<\/a>\n\t\t<\/div>\n\t\t\t<aside class=\"post-bottom-meta hide\">\n\t\t<strong rel=\"author\" itemprop=\"author\" class=\"author vcard\"><span class=\"fn\">Albert<\/span><\/strong>\n\t\t<time class=\"date published time\" datetime=\"2025-04-15T13:17:38+02:00\" itemprop=\"datePublished\" content=\"2025-04-15T13:17:38+02:00\">15\/04\/2025<\/time>\n\t\t<meta itemprop=\"dateModified\" class=\"date updated\" content=\"2025-04-15T13:17:49+02:00\">\n\t\t<span class=\"hide\" itemprop=\"publisher\" itemscope itemtype=\"https:\/\/schema.org\/Organization\">\n\t\t\t<meta itemprop=\"name\" content=\"SocialistesdMca\">\n\t\t\t<span itemprop=\"logo\" itemscope itemtype=\"https:\/\/schema.org\/ImageObject\">\n\t\t\t\t<meta itemprop=\"url\" content=\"https:\/\/www.psib-psoe.org\/mallorca\/wp-content\/themes\/notio-wp\/assets\/img\/logo.png\">\n\t\t\t<\/span>\n\t\t\t<meta itemprop=\"url\" content=\"https:\/\/www.psib-psoe.org\/mallorca\/\">\n\t\t<\/span>\n\t\t\t\t<span class=\"hide\" itemprop=\"image\" itemscope itemtype=\"http:\/\/schema.org\/ImageObject\">\n\t\t\t<meta itemprop=\"url\" content=\"https:\/\/www.psib-psoe.org\/mallorca\/wp-content\/uploads\/Javier-ple-extr-romanents-150425-scaled.jpg\">\n\t\t\t<meta itemprop=\"width\" content=\"2560\">\n\t\t\t<meta itemprop=\"height\" content=\"1920\">\n\t\t<\/span>\n\t\t\t\t<meta itemscope itemprop=\"mainEntityOfPage\" itemtype=\"https:\/\/schema.org\/WebPage\" itemid=\"https:\/\/www.psib-psoe.org\/mallorca\/el-grup-socialista-afirma-que-la-modificacio-de-credit-de-29-me-es-per-tapar-errades-i-generar-titulars-de-premsa-i-acusa-galmes-de-fer-propaganda-pressupostaria\/\">\n\t<\/aside>\n\t\t<\/article>\n<\/div>\n<div class=\"small-12 large-4 columns\">\n\t<article itemscope itemtype=\"http:\/\/schema.org\/Article\" class=\"post blog-style7 alt post-29700 type-post status-publish format-standard has-post-thumbnail hentry category-federacio-de-mallorca category-federacio-de-mallorca-portada category-municipis category-portada tag-agrupacio-socialista-de-valldemossa tag-amanda-fernandez tag-ares-fernandez tag-catalina-cladera tag-jaume-x-rossello tag-psib-psoe tag-teresa-suarez tag-xisco-dalmau\" role=\"article\">\n\t\t<figure class=\"post-gallery\"><img loading=\"lazy\" decoding=\"async\" width=\"600\" height=\"400\" src=\"https:\/\/www.psib-psoe.org\/mallorca\/wp-content\/uploads\/VALLDEMOSSA-600x400.png\" class=\"attachment-notio-general-x2 size-notio-general-x2 wp-post-image\" alt=\"\" srcset=\"https:\/\/www.psib-psoe.org\/mallorca\/wp-content\/uploads\/VALLDEMOSSA-600x400.png 600w, https:\/\/www.psib-psoe.org\/mallorca\/wp-content\/uploads\/VALLDEMOSSA-300x200.png 300w, https:\/\/www.psib-psoe.org\/mallorca\/wp-content\/uploads\/VALLDEMOSSA-900x600.png 900w, https:\/\/www.psib-psoe.org\/mallorca\/wp-content\/uploads\/VALLDEMOSSA-20x13.png 20w\" sizes=\"(max-width: 600px) 100vw, 600px\" \/><\/figure>\n\t\t<div class=\"blog-top\">\n\t\t\t<header class=\"post-title entry-header\">\n\t\t\t\t<aside class=\"post-meta cf\">\n\t\t12\/04\/2025 \/ <a href=\"https:\/\/www.psib-psoe.org\/mallorca\/category\/federacio-de-mallorca\/\" rel=\"category tag\">Federaci\u00f3 de Mallorca<\/a>, <a href=\"https:\/\/www.psib-psoe.org\/mallorca\/category\/federacio-de-mallorca-portada\/\" rel=\"category tag\">Federaci\u00f3 de Mallorca - Portada<\/a>, <a href=\"https:\/\/www.psib-psoe.org\/mallorca\/category\/municipis\/\" rel=\"category tag\">Municipis<\/a>, <a href=\"https:\/\/www.psib-psoe.org\/mallorca\/category\/portada\/\" rel=\"category tag\">Portada<\/a><\/aside>\n\t\t\t\t<h3 itemprop=\"headline\"><a href=\"https:\/\/www.psib-psoe.org\/mallorca\/els-socialistes-de-valldemossa-denuncien-que-lampliacio-de-la-zona-ora-es-illegal-i-sha-fet-sense-consultar-als-veins\/\" title=\"Els Socialistes de Valldemossa denuncien que l\u2019ampliaci\u00f3 de la zona ORA \u00e9s il\u00b7legal i s\u2019ha fet sense consultar als ve\u00efns.\">Els Socialistes de Valldemossa denuncien que l\u2019ampliaci\u00f3 de la zona ORA \u00e9s il\u00b7legal i s\u2019ha fet sense consultar als ve\u00efns.<\/a><\/h3>\n\t\t\t<\/header>\n\t\t<\/div>\n\t\t<div class=\"post-content\">\n\t\t\t<a href=\"https:\/\/www.psib-psoe.org\/mallorca\/els-socialistes-de-valldemossa-denuncien-que-lampliacio-de-la-zona-ora-es-illegal-i-sha-fet-sense-consultar-als-veins\/\" class=\"more-link\">Read More<\/a>\n\t\t<\/div>\n\t\t\t<aside class=\"post-bottom-meta hide\">\n\t\t<strong rel=\"author\" itemprop=\"author\" class=\"author vcard\"><span class=\"fn\">Albert<\/span><\/strong>\n\t\t<time class=\"date published time\" datetime=\"2025-04-12T12:45:42+02:00\" itemprop=\"datePublished\" content=\"2025-04-12T12:45:42+02:00\">12\/04\/2025<\/time>\n\t\t<meta itemprop=\"dateModified\" class=\"date updated\" content=\"2025-04-12T12:45:43+02:00\">\n\t\t<span class=\"hide\" itemprop=\"publisher\" itemscope itemtype=\"https:\/\/schema.org\/Organization\">\n\t\t\t<meta itemprop=\"name\" content=\"SocialistesdMca\">\n\t\t\t<span itemprop=\"logo\" itemscope itemtype=\"https:\/\/schema.org\/ImageObject\">\n\t\t\t\t<meta itemprop=\"url\" content=\"https:\/\/www.psib-psoe.org\/mallorca\/wp-content\/themes\/notio-wp\/assets\/img\/logo.png\">\n\t\t\t<\/span>\n\t\t\t<meta itemprop=\"url\" content=\"https:\/\/www.psib-psoe.org\/mallorca\/\">\n\t\t<\/span>\n\t\t\t\t<span class=\"hide\" itemprop=\"image\" itemscope itemtype=\"http:\/\/schema.org\/ImageObject\">\n\t\t\t<meta itemprop=\"url\" content=\"https:\/\/www.psib-psoe.org\/mallorca\/wp-content\/uploads\/VALLDEMOSSA.png\">\n\t\t\t<meta itemprop=\"width\" content=\"1080\">\n\t\t\t<meta itemprop=\"height\" content=\"1080\">\n\t\t<\/span>\n\t\t\t\t<meta itemscope itemprop=\"mainEntityOfPage\" itemtype=\"https:\/\/schema.org\/WebPage\" itemid=\"https:\/\/www.psib-psoe.org\/mallorca\/els-socialistes-de-valldemossa-denuncien-que-lampliacio-de-la-zona-ora-es-illegal-i-sha-fet-sense-consultar-als-veins\/\">\n\t<\/aside>\n\t\t<\/article>\n<\/div>\n<div class=\"small-12 large-4 columns\">\n\t<article itemscope itemtype=\"http:\/\/schema.org\/Article\" class=\"post blog-style7 alt post-29696 type-post status-publish format-standard has-post-thumbnail hentry category-consell-de-mallorca category-federacio-de-mallorca category-federacio-de-mallorca-portada category-portada tag-amanda-fernandez tag-catalina-cladera tag-consell-de-mallorca tag-federacio-socialista-de-mallorca tag-javier-de-juan tag-joan-ferrer tag-juana-m-adrover tag-psib-psoe tag-sofia-alonso\" role=\"article\">\n\t\t<figure class=\"post-gallery\"><img loading=\"lazy\" decoding=\"async\" width=\"600\" height=\"400\" src=\"https:\/\/www.psib-psoe.org\/mallorca\/wp-content\/uploads\/Ple-100425-600x400.jpg\" class=\"attachment-notio-general-x2 size-notio-general-x2 wp-post-image\" alt=\"\" srcset=\"https:\/\/www.psib-psoe.org\/mallorca\/wp-content\/uploads\/Ple-100425-600x400.jpg 600w, https:\/\/www.psib-psoe.org\/mallorca\/wp-content\/uploads\/Ple-100425-300x200.jpg 300w, https:\/\/www.psib-psoe.org\/mallorca\/wp-content\/uploads\/Ple-100425-20x13.jpg 20w, https:\/\/www.psib-psoe.org\/mallorca\/wp-content\/uploads\/Ple-100425-900x600.jpg 900w\" sizes=\"(max-width: 600px) 100vw, 600px\" \/><\/figure>\n\t\t<div class=\"blog-top\">\n\t\t\t<header class=\"post-title entry-header\">\n\t\t\t\t<aside class=\"post-meta cf\">\n\t\t10\/04\/2025 \/ <a href=\"https:\/\/www.psib-psoe.org\/mallorca\/category\/consell-de-mallorca\/\" rel=\"category tag\">Consell de Mallorca<\/a>, <a href=\"https:\/\/www.psib-psoe.org\/mallorca\/category\/federacio-de-mallorca\/\" rel=\"category tag\">Federaci\u00f3 de Mallorca<\/a>, <a href=\"https:\/\/www.psib-psoe.org\/mallorca\/category\/federacio-de-mallorca-portada\/\" rel=\"category tag\">Federaci\u00f3 de Mallorca - Portada<\/a>, <a href=\"https:\/\/www.psib-psoe.org\/mallorca\/category\/portada\/\" rel=\"category tag\">Portada<\/a><\/aside>\n\t\t\t\t<h3 itemprop=\"headline\"><a href=\"https:\/\/www.psib-psoe.org\/mallorca\/els-socialistes-de-mallorca-acusen-lequip-de-govern-ppvox-dhaver-improvisat-la-distribucio-de-romanents-del-consell-de-mallorca\/\" title=\"Els Socialistes de Mallorca acusen l\u2019equip de Govern PPVox d\u2019haver improvisat la distribuci\u00f3 de romanents del Consell de Mallorca.\">Els Socialistes de Mallorca acusen l\u2019equip de Govern PPVox d\u2019haver improvisat la distribuci\u00f3 de romanents del Consell de Mallorca.<\/a><\/h3>\n\t\t\t<\/header>\n\t\t<\/div>\n\t\t<div class=\"post-content\">\n\t\t\t<a href=\"https:\/\/www.psib-psoe.org\/mallorca\/els-socialistes-de-mallorca-acusen-lequip-de-govern-ppvox-dhaver-improvisat-la-distribucio-de-romanents-del-consell-de-mallorca\/\" class=\"more-link\">Read More<\/a>\n\t\t<\/div>\n\t\t\t<aside class=\"post-bottom-meta hide\">\n\t\t<strong rel=\"author\" itemprop=\"author\" class=\"author vcard\"><span class=\"fn\">Albert<\/span><\/strong>\n\t\t<time class=\"date published time\" datetime=\"2025-04-10T22:55:36+02:00\" itemprop=\"datePublished\" content=\"2025-04-10T22:55:36+02:00\">10\/04\/2025<\/time>\n\t\t<meta itemprop=\"dateModified\" class=\"date updated\" content=\"2025-04-10T22:55:48+02:00\">\n\t\t<span class=\"hide\" itemprop=\"publisher\" itemscope itemtype=\"https:\/\/schema.org\/Organization\">\n\t\t\t<meta itemprop=\"name\" content=\"SocialistesdMca\">\n\t\t\t<span itemprop=\"logo\" itemscope itemtype=\"https:\/\/schema.org\/ImageObject\">\n\t\t\t\t<meta itemprop=\"url\" content=\"https:\/\/www.psib-psoe.org\/mallorca\/wp-content\/themes\/notio-wp\/assets\/img\/logo.png\">\n\t\t\t<\/span>\n\t\t\t<meta itemprop=\"url\" content=\"https:\/\/www.psib-psoe.org\/mallorca\/\">\n\t\t<\/span>\n\t\t\t\t<span class=\"hide\" itemprop=\"image\" itemscope itemtype=\"http:\/\/schema.org\/ImageObject\">\n\t\t\t<meta itemprop=\"url\" content=\"https:\/\/www.psib-psoe.org\/mallorca\/wp-content\/uploads\/Ple-100425.jpg\">\n\t\t\t<meta itemprop=\"width\" content=\"1599\">\n\t\t\t<meta itemprop=\"height\" content=\"986\">\n\t\t<\/span>\n\t\t\t\t<meta itemscope itemprop=\"mainEntityOfPage\" itemtype=\"https:\/\/schema.org\/WebPage\" itemid=\"https:\/\/www.psib-psoe.org\/mallorca\/els-socialistes-de-mallorca-acusen-lequip-de-govern-ppvox-dhaver-improvisat-la-distribucio-de-romanents-del-consell-de-mallorca\/\">\n\t<\/aside>\n\t\t<\/article>\n<\/div>\n<div class=\"small-12 large-4 columns\">\n\t<article itemscope itemtype=\"http:\/\/schema.org\/Article\" class=\"post blog-style7 alt post-29692 type-post status-publish format-standard has-post-thumbnail hentry category-consell-de-mallorca category-federacio-de-mallorca category-federacio-de-mallorca-portada category-portada tag-amanda-fernandez tag-catalina-cladera tag-consell-de-mallorca tag-federacio-socialista-de-mallorca tag-javier-de-juan tag-joan-ferrer tag-psib-psoe\" role=\"article\">\n\t\t<figure class=\"post-gallery\"><img loading=\"lazy\" decoding=\"async\" width=\"600\" height=\"400\" src=\"https:\/\/www.psib-psoe.org\/mallorca\/wp-content\/uploads\/Joan-Ferrer-ple-600x400.jpg\" class=\"attachment-notio-general-x2 size-notio-general-x2 wp-post-image\" alt=\"\" srcset=\"https:\/\/www.psib-psoe.org\/mallorca\/wp-content\/uploads\/Joan-Ferrer-ple-600x400.jpg 600w, https:\/\/www.psib-psoe.org\/mallorca\/wp-content\/uploads\/Joan-Ferrer-ple-300x200.jpg 300w, https:\/\/www.psib-psoe.org\/mallorca\/wp-content\/uploads\/Joan-Ferrer-ple-900x600.jpg 900w, https:\/\/www.psib-psoe.org\/mallorca\/wp-content\/uploads\/Joan-Ferrer-ple-20x13.jpg 20w\" sizes=\"(max-width: 600px) 100vw, 600px\" \/><\/figure>\n\t\t<div class=\"blog-top\">\n\t\t\t<header class=\"post-title entry-header\">\n\t\t\t\t<aside class=\"post-meta cf\">\n\t\t10\/04\/2025 \/ <a href=\"https:\/\/www.psib-psoe.org\/mallorca\/category\/consell-de-mallorca\/\" rel=\"category tag\">Consell de Mallorca<\/a>, <a href=\"https:\/\/www.psib-psoe.org\/mallorca\/category\/federacio-de-mallorca\/\" rel=\"category tag\">Federaci\u00f3 de Mallorca<\/a>, <a href=\"https:\/\/www.psib-psoe.org\/mallorca\/category\/federacio-de-mallorca-portada\/\" rel=\"category tag\">Federaci\u00f3 de Mallorca - Portada<\/a>, <a href=\"https:\/\/www.psib-psoe.org\/mallorca\/category\/portada\/\" rel=\"category tag\">Portada<\/a><\/aside>\n\t\t\t\t<h3 itemprop=\"headline\"><a href=\"https:\/\/www.psib-psoe.org\/mallorca\/la-manca-de-capacitat-de-gestio-de-la-consellera-de-cultura-fa-decaure-una-subvencio-per-al-gremi-de-llibreters-de-mallorca-al-ple-del-consell\/\" title=\"La manca de capacitat de gesti\u00f3 de la consellera de Cultura fa decaure una subvenci\u00f3 per al Gremi de Llibreters de Mallorca al ple del Consell.\">La manca de capacitat de gesti\u00f3 de la consellera de Cultura fa decaure una subvenci\u00f3 per al Gremi de Llibreters de Mallorca al ple del Consell.<\/a><\/h3>\n\t\t\t<\/header>\n\t\t<\/div>\n\t\t<div class=\"post-content\">\n\t\t\t<a href=\"https:\/\/www.psib-psoe.org\/mallorca\/la-manca-de-capacitat-de-gestio-de-la-consellera-de-cultura-fa-decaure-una-subvencio-per-al-gremi-de-llibreters-de-mallorca-al-ple-del-consell\/\" class=\"more-link\">Read More<\/a>\n\t\t<\/div>\n\t\t\t<aside class=\"post-bottom-meta hide\">\n\t\t<strong rel=\"author\" itemprop=\"author\" class=\"author vcard\"><span class=\"fn\">Albert<\/span><\/strong>\n\t\t<time class=\"date published time\" datetime=\"2025-04-10T12:00:23+02:00\" itemprop=\"datePublished\" content=\"2025-04-10T12:00:23+02:00\">10\/04\/2025<\/time>\n\t\t<meta itemprop=\"dateModified\" class=\"date updated\" content=\"2025-04-10T12:00:35+02:00\">\n\t\t<span class=\"hide\" itemprop=\"publisher\" itemscope itemtype=\"https:\/\/schema.org\/Organization\">\n\t\t\t<meta itemprop=\"name\" content=\"SocialistesdMca\">\n\t\t\t<span itemprop=\"logo\" itemscope itemtype=\"https:\/\/schema.org\/ImageObject\">\n\t\t\t\t<meta itemprop=\"url\" content=\"https:\/\/www.psib-psoe.org\/mallorca\/wp-content\/themes\/notio-wp\/assets\/img\/logo.png\">\n\t\t\t<\/span>\n\t\t\t<meta itemprop=\"url\" content=\"https:\/\/www.psib-psoe.org\/mallorca\/\">\n\t\t<\/span>\n\t\t\t\t<span class=\"hide\" itemprop=\"image\" itemscope itemtype=\"http:\/\/schema.org\/ImageObject\">\n\t\t\t<meta itemprop=\"url\" content=\"https:\/\/www.psib-psoe.org\/mallorca\/wp-content\/uploads\/Joan-Ferrer-ple.jpg\">\n\t\t\t<meta itemprop=\"width\" content=\"1448\">\n\t\t\t<meta itemprop=\"height\" content=\"1224\">\n\t\t<\/span>\n\t\t\t\t<meta itemscope itemprop=\"mainEntityOfPage\" itemtype=\"https:\/\/schema.org\/WebPage\" itemid=\"https:\/\/www.psib-psoe.org\/mallorca\/la-manca-de-capacitat-de-gestio-de-la-consellera-de-cultura-fa-decaure-una-subvencio-per-al-gremi-de-llibreters-de-mallorca-al-ple-del-consell\/\">\n\t<\/aside>\n\t\t<\/article>\n<\/div>\n<div class=\"small-12 large-4 columns\">\n\t<article itemscope itemtype=\"http:\/\/schema.org\/Article\" class=\"post blog-style7 alt post-29687 type-post status-publish format-standard has-post-thumbnail hentry category-consell-de-mallorca category-federacio-de-mallorca category-federacio-de-mallorca-portada category-portada tag-amanda-fernandez tag-catalina-cladera tag-consell-de-mallorca tag-federacio-socialista-de-mallorca tag-javier-de-juan tag-psib-psoe\" role=\"article\">\n\t\t<figure class=\"post-gallery\"><img loading=\"lazy\" decoding=\"async\" width=\"600\" height=\"400\" src=\"https:\/\/www.psib-psoe.org\/mallorca\/wp-content\/uploads\/Cati-rdp-090425-600x400.jpg\" class=\"attachment-notio-general-x2 size-notio-general-x2 wp-post-image\" alt=\"\" srcset=\"https:\/\/www.psib-psoe.org\/mallorca\/wp-content\/uploads\/Cati-rdp-090425-600x400.jpg 600w, https:\/\/www.psib-psoe.org\/mallorca\/wp-content\/uploads\/Cati-rdp-090425-300x200.jpg 300w, https:\/\/www.psib-psoe.org\/mallorca\/wp-content\/uploads\/Cati-rdp-090425-20x13.jpg 20w, https:\/\/www.psib-psoe.org\/mallorca\/wp-content\/uploads\/Cati-rdp-090425-900x600.jpg 900w\" sizes=\"(max-width: 600px) 100vw, 600px\" \/><\/figure>\n\t\t<div class=\"blog-top\">\n\t\t\t<header class=\"post-title entry-header\">\n\t\t\t\t<aside class=\"post-meta cf\">\n\t\t09\/04\/2025 \/ <a href=\"https:\/\/www.psib-psoe.org\/mallorca\/category\/consell-de-mallorca\/\" rel=\"category tag\">Consell de Mallorca<\/a>, <a href=\"https:\/\/www.psib-psoe.org\/mallorca\/category\/federacio-de-mallorca\/\" rel=\"category tag\">Federaci\u00f3 de Mallorca<\/a>, <a href=\"https:\/\/www.psib-psoe.org\/mallorca\/category\/federacio-de-mallorca-portada\/\" rel=\"category tag\">Federaci\u00f3 de Mallorca - Portada<\/a>, <a href=\"https:\/\/www.psib-psoe.org\/mallorca\/category\/portada\/\" rel=\"category tag\">Portada<\/a><\/aside>\n\t\t\t\t<h3 itemprop=\"headline\"><a href=\"https:\/\/www.psib-psoe.org\/mallorca\/cladera-galmes-fa-el-ridicul-en-anunciar-les-compres-de-sa-fabrica-nova-i-de-santa-cirga-amb-carrec-a-romanent-sense-haver-preparat-lexpedient\/\" title=\"Cladera: \u201cGalm\u00e9s fa el rid\u00edcul en anunciar les compres de sa F\u00e0brica Nova i de Santa Cirga, amb\u00a0 c\u00e0rrec a romanent, sense haver preparat l\u2019expedient\u201d.\">Cladera: \u201cGalm\u00e9s fa el rid\u00edcul en anunciar les compres de sa F\u00e0brica Nova i de Santa Cirga, amb\u00a0 c\u00e0rrec a romanent, sense haver preparat l\u2019expedient\u201d.<\/a><\/h3>\n\t\t\t<\/header>\n\t\t<\/div>\n\t\t<div class=\"post-content\">\n\t\t\t<a href=\"https:\/\/www.psib-psoe.org\/mallorca\/cladera-galmes-fa-el-ridicul-en-anunciar-les-compres-de-sa-fabrica-nova-i-de-santa-cirga-amb-carrec-a-romanent-sense-haver-preparat-lexpedient\/\" class=\"more-link\">Read More<\/a>\n\t\t<\/div>\n\t\t\t<aside class=\"post-bottom-meta hide\">\n\t\t<strong rel=\"author\" itemprop=\"author\" class=\"author vcard\"><span class=\"fn\">Albert<\/span><\/strong>\n\t\t<time class=\"date published time\" datetime=\"2025-04-09T11:43:28+02:00\" itemprop=\"datePublished\" content=\"2025-04-09T11:43:28+02:00\">09\/04\/2025<\/time>\n\t\t<meta itemprop=\"dateModified\" class=\"date updated\" content=\"2025-04-09T11:43:40+02:00\">\n\t\t<span class=\"hide\" itemprop=\"publisher\" itemscope itemtype=\"https:\/\/schema.org\/Organization\">\n\t\t\t<meta itemprop=\"name\" content=\"SocialistesdMca\">\n\t\t\t<span itemprop=\"logo\" itemscope itemtype=\"https:\/\/schema.org\/ImageObject\">\n\t\t\t\t<meta itemprop=\"url\" content=\"https:\/\/www.psib-psoe.org\/mallorca\/wp-content\/themes\/notio-wp\/assets\/img\/logo.png\">\n\t\t\t<\/span>\n\t\t\t<meta itemprop=\"url\" content=\"https:\/\/www.psib-psoe.org\/mallorca\/\">\n\t\t<\/span>\n\t\t\t\t<span class=\"hide\" itemprop=\"image\" itemscope itemtype=\"http:\/\/schema.org\/ImageObject\">\n\t\t\t<meta itemprop=\"url\" content=\"https:\/\/www.psib-psoe.org\/mallorca\/wp-content\/uploads\/Cati-rdp-090425.jpg\">\n\t\t\t<meta itemprop=\"width\" content=\"2560\">\n\t\t\t<meta itemprop=\"height\" content=\"1817\">\n\t\t<\/span>\n\t\t\t\t<meta itemscope itemprop=\"mainEntityOfPage\" itemtype=\"https:\/\/schema.org\/WebPage\" itemid=\"https:\/\/www.psib-psoe.org\/mallorca\/cladera-galmes-fa-el-ridicul-en-anunciar-les-compres-de-sa-fabrica-nova-i-de-santa-cirga-amb-carrec-a-romanent-sense-haver-preparat-lexpedient\/\">\n\t<\/aside>\n\t\t<\/article>\n<\/div>\n<div class=\"small-12 large-4 columns\">\n\t<article itemscope itemtype=\"http:\/\/schema.org\/Article\" class=\"post blog-style7 alt post-29680 type-post status-publish format-standard has-post-thumbnail hentry category-15e-congres-fsm category-federacio-de-mallorca category-federacio-de-mallorca-portada category-portada tag-amanda-fernandez tag-ares-fernandez tag-catalina-cladera tag-consell-de-mallorca tag-federacio-socialista-de-mallorca tag-francina-armengol\" role=\"article\">\n\t\t<figure class=\"post-gallery\"><img loading=\"lazy\" decoding=\"async\" width=\"600\" height=\"400\" src=\"https:\/\/www.psib-psoe.org\/mallorca\/wp-content\/uploads\/Executiva-070425-600x400.jpg\" class=\"attachment-notio-general-x2 size-notio-general-x2 wp-post-image\" alt=\"\" srcset=\"https:\/\/www.psib-psoe.org\/mallorca\/wp-content\/uploads\/Executiva-070425-600x400.jpg 600w, https:\/\/www.psib-psoe.org\/mallorca\/wp-content\/uploads\/Executiva-070425-300x200.jpg 300w, https:\/\/www.psib-psoe.org\/mallorca\/wp-content\/uploads\/Executiva-070425-900x600.jpg 900w, https:\/\/www.psib-psoe.org\/mallorca\/wp-content\/uploads\/Executiva-070425-20x13.jpg 20w\" sizes=\"(max-width: 600px) 100vw, 600px\" \/><\/figure>\n\t\t<div class=\"blog-top\">\n\t\t\t<header class=\"post-title entry-header\">\n\t\t\t\t<aside class=\"post-meta cf\">\n\t\t07\/04\/2025 \/ <a href=\"https:\/\/www.psib-psoe.org\/mallorca\/category\/15e-congres-fsm\/\" rel=\"category tag\">15\u00e8 Congr\u00e9s FSM<\/a>, <a href=\"https:\/\/www.psib-psoe.org\/mallorca\/category\/federacio-de-mallorca\/\" rel=\"category tag\">Federaci\u00f3 de Mallorca<\/a>, <a href=\"https:\/\/www.psib-psoe.org\/mallorca\/category\/federacio-de-mallorca-portada\/\" rel=\"category tag\">Federaci\u00f3 de Mallorca - Portada<\/a>, <a href=\"https:\/\/www.psib-psoe.org\/mallorca\/category\/portada\/\" rel=\"category tag\">Portada<\/a><\/aside>\n\t\t\t\t<h3 itemprop=\"headline\"><a href=\"https:\/\/www.psib-psoe.org\/mallorca\/la-nova-executiva-de-la-fsm-amb-amanda-fernandez-al-capdavant-posa-rumb-fixe-per-aconseguir-el-canvi-que-la-ciutadania-demana\/\" title=\"La nova Executiva de la FSM, amb Amanda Fern\u00e0ndez al capdavant, \u201cposa rumb fixe per aconseguir el canvi que la ciutadania demana\u201d.\">La nova Executiva de la FSM, amb Amanda Fern\u00e0ndez al capdavant, \u201cposa rumb fixe per aconseguir el canvi que la ciutadania demana\u201d.<\/a><\/h3>\n\t\t\t<\/header>\n\t\t<\/div>\n\t\t<div class=\"post-content\">\n\t\t\t<a href=\"https:\/\/www.psib-psoe.org\/mallorca\/la-nova-executiva-de-la-fsm-amb-amanda-fernandez-al-capdavant-posa-rumb-fixe-per-aconseguir-el-canvi-que-la-ciutadania-demana\/\" class=\"more-link\">Read More<\/a>\n\t\t<\/div>\n\t\t\t<aside class=\"post-bottom-meta hide\">\n\t\t<strong rel=\"author\" itemprop=\"author\" class=\"author vcard\"><span class=\"fn\">Albert<\/span><\/strong>\n\t\t<time class=\"date published time\" datetime=\"2025-04-07T19:02:40+02:00\" itemprop=\"datePublished\" content=\"2025-04-07T19:02:40+02:00\">07\/04\/2025<\/time>\n\t\t<meta itemprop=\"dateModified\" class=\"date updated\" content=\"2025-04-07T19:02:51+02:00\">\n\t\t<span class=\"hide\" itemprop=\"publisher\" itemscope itemtype=\"https:\/\/schema.org\/Organization\">\n\t\t\t<meta itemprop=\"name\" content=\"SocialistesdMca\">\n\t\t\t<span itemprop=\"logo\" itemscope itemtype=\"https:\/\/schema.org\/ImageObject\">\n\t\t\t\t<meta itemprop=\"url\" content=\"https:\/\/www.psib-psoe.org\/mallorca\/wp-content\/themes\/notio-wp\/assets\/img\/logo.png\">\n\t\t\t<\/span>\n\t\t\t<meta itemprop=\"url\" content=\"https:\/\/www.psib-psoe.org\/mallorca\/\">\n\t\t<\/span>\n\t\t\t\t<span class=\"hide\" itemprop=\"image\" itemscope itemtype=\"http:\/\/schema.org\/ImageObject\">\n\t\t\t<meta itemprop=\"url\" content=\"https:\/\/www.psib-psoe.org\/mallorca\/wp-content\/uploads\/Executiva-070425.jpg\">\n\t\t\t<meta itemprop=\"width\" content=\"2048\">\n\t\t\t<meta itemprop=\"height\" content=\"1536\">\n\t\t<\/span>\n\t\t\t\t<meta itemscope itemprop=\"mainEntityOfPage\" itemtype=\"https:\/\/schema.org\/WebPage\" itemid=\"https:\/\/www.psib-psoe.org\/mallorca\/la-nova-executiva-de-la-fsm-amb-amanda-fernandez-al-capdavant-posa-rumb-fixe-per-aconseguir-el-canvi-que-la-ciutadania-demana\/\">\n\t<\/aside>\n\t\t<\/article>\n<\/div>\n<div class=\"small-12 large-4 columns\">\n\t<article itemscope itemtype=\"http:\/\/schema.org\/Article\" class=\"post blog-style7 alt post-29676 type-post status-publish format-standard has-post-thumbnail hentry category-consell-de-mallorca category-federacio-de-mallorca category-federacio-de-mallorca-portada category-portada tag-amanda-fernandez tag-andreu-serra tag-bea-gamundi tag-catalina-cladera tag-consell-de-mallorca tag-federacio-socialista-de-mallorca tag-javier-de-juan tag-joan-ferrer tag-juana-m-adrover tag-maria-antonia-truyols tag-sofia-alonso\" role=\"article\">\n\t\t<figure class=\"post-gallery\"><img loading=\"lazy\" decoding=\"async\" width=\"600\" height=\"400\" src=\"https:\/\/www.psib-psoe.org\/mallorca\/wp-content\/uploads\/070425-Catalina-romanents-600x400.jpg\" class=\"attachment-notio-general-x2 size-notio-general-x2 wp-post-image\" alt=\"\" srcset=\"https:\/\/www.psib-psoe.org\/mallorca\/wp-content\/uploads\/070425-Catalina-romanents-600x400.jpg 600w, https:\/\/www.psib-psoe.org\/mallorca\/wp-content\/uploads\/070425-Catalina-romanents-300x200.jpg 300w, https:\/\/www.psib-psoe.org\/mallorca\/wp-content\/uploads\/070425-Catalina-romanents-900x600.jpg 900w, https:\/\/www.psib-psoe.org\/mallorca\/wp-content\/uploads\/070425-Catalina-romanents-20x13.jpg 20w\" sizes=\"(max-width: 600px) 100vw, 600px\" \/><\/figure>\n\t\t<div class=\"blog-top\">\n\t\t\t<header class=\"post-title entry-header\">\n\t\t\t\t<aside class=\"post-meta cf\">\n\t\t07\/04\/2025 \/ <a href=\"https:\/\/www.psib-psoe.org\/mallorca\/category\/consell-de-mallorca\/\" rel=\"category tag\">Consell de Mallorca<\/a>, <a href=\"https:\/\/www.psib-psoe.org\/mallorca\/category\/federacio-de-mallorca\/\" rel=\"category tag\">Federaci\u00f3 de Mallorca<\/a>, <a href=\"https:\/\/www.psib-psoe.org\/mallorca\/category\/federacio-de-mallorca-portada\/\" rel=\"category tag\">Federaci\u00f3 de Mallorca - Portada<\/a>, <a href=\"https:\/\/www.psib-psoe.org\/mallorca\/category\/portada\/\" rel=\"category tag\">Portada<\/a><\/aside>\n\t\t\t\t<h3 itemprop=\"headline\"><a href=\"https:\/\/www.psib-psoe.org\/mallorca\/el-consell-de-mallorca-anuncia-una-incorporacio-de-romanent-al-pressupost-2025-insuficient-i-improvisada-que-surt-de-la-mala-gestio-de-2024\/\" title=\"El Consell de Mallorca anuncia una incorporaci\u00f3 de romanent al pressupost 2025 \u201cinsuficient i improvisada\u201d que surt de la mala gesti\u00f3 de 2024.\">El Consell de Mallorca anuncia una incorporaci\u00f3 de romanent al pressupost 2025 \u201cinsuficient i improvisada\u201d que surt de la mala gesti\u00f3 de 2024.<\/a><\/h3>\n\t\t\t<\/header>\n\t\t<\/div>\n\t\t<div class=\"post-content\">\n\t\t\t<a href=\"https:\/\/www.psib-psoe.org\/mallorca\/el-consell-de-mallorca-anuncia-una-incorporacio-de-romanent-al-pressupost-2025-insuficient-i-improvisada-que-surt-de-la-mala-gestio-de-2024\/\" class=\"more-link\">Read More<\/a>\n\t\t<\/div>\n\t\t\t<aside class=\"post-bottom-meta hide\">\n\t\t<strong rel=\"author\" itemprop=\"author\" class=\"author vcard\"><span class=\"fn\">Albert<\/span><\/strong>\n\t\t<time class=\"date published time\" datetime=\"2025-04-07T14:08:38+02:00\" itemprop=\"datePublished\" content=\"2025-04-07T14:08:38+02:00\">07\/04\/2025<\/time>\n\t\t<meta itemprop=\"dateModified\" class=\"date updated\" content=\"2025-04-07T14:08:40+02:00\">\n\t\t<span class=\"hide\" itemprop=\"publisher\" itemscope itemtype=\"https:\/\/schema.org\/Organization\">\n\t\t\t<meta itemprop=\"name\" content=\"SocialistesdMca\">\n\t\t\t<span itemprop=\"logo\" itemscope itemtype=\"https:\/\/schema.org\/ImageObject\">\n\t\t\t\t<meta itemprop=\"url\" content=\"https:\/\/www.psib-psoe.org\/mallorca\/wp-content\/themes\/notio-wp\/assets\/img\/logo.png\">\n\t\t\t<\/span>\n\t\t\t<meta itemprop=\"url\" content=\"https:\/\/www.psib-psoe.org\/mallorca\/\">\n\t\t<\/span>\n\t\t\t\t<span class=\"hide\" itemprop=\"image\" itemscope itemtype=\"http:\/\/schema.org\/ImageObject\">\n\t\t\t<meta itemprop=\"url\" content=\"https:\/\/www.psib-psoe.org\/mallorca\/wp-content\/uploads\/070425-Catalina-romanents.jpg\">\n\t\t\t<meta itemprop=\"width\" content=\"927\">\n\t\t\t<meta itemprop=\"height\" content=\"1387\">\n\t\t<\/span>\n\t\t\t\t<meta itemscope itemprop=\"mainEntityOfPage\" itemtype=\"https:\/\/schema.org\/WebPage\" itemid=\"https:\/\/www.psib-psoe.org\/mallorca\/el-consell-de-mallorca-anuncia-una-incorporacio-de-romanent-al-pressupost-2025-insuficient-i-improvisada-que-surt-de-la-mala-gestio-de-2024\/\">\n\t<\/aside>\n\t\t<\/article>\n<\/div>\n<div class=\"small-12 large-4 columns\">\n\t<article itemscope itemtype=\"http:\/\/schema.org\/Article\" class=\"post blog-style7 alt post-29671 type-post status-publish format-standard has-post-thumbnail hentry category-15e-congres-fsm category-federacio-de-mallorca category-federacio-de-mallorca-portada category-portada tag-amanda-fernandez tag-catalina-cladera tag-consell-de-mallorca tag-federacio-socialista-de-mallorca tag-francina-armengol tag-javier-de-juan tag-pep-gall\" role=\"article\">\n\t\t<figure class=\"post-gallery\"><img loading=\"lazy\" decoding=\"async\" width=\"600\" height=\"400\" src=\"https:\/\/www.psib-psoe.org\/mallorca\/wp-content\/uploads\/Congres-final-2-600x400.jpg\" class=\"attachment-notio-general-x2 size-notio-general-x2 wp-post-image\" alt=\"\" srcset=\"https:\/\/www.psib-psoe.org\/mallorca\/wp-content\/uploads\/Congres-final-2-600x400.jpg 600w, https:\/\/www.psib-psoe.org\/mallorca\/wp-content\/uploads\/Congres-final-2-300x200.jpg 300w, https:\/\/www.psib-psoe.org\/mallorca\/wp-content\/uploads\/Congres-final-2-1024x682.jpg 1024w, https:\/\/www.psib-psoe.org\/mallorca\/wp-content\/uploads\/Congres-final-2-768x512.jpg 768w, https:\/\/www.psib-psoe.org\/mallorca\/wp-content\/uploads\/Congres-final-2-1536x1023.jpg 1536w, https:\/\/www.psib-psoe.org\/mallorca\/wp-content\/uploads\/Congres-final-2-150x100.jpg 150w, https:\/\/www.psib-psoe.org\/mallorca\/wp-content\/uploads\/Congres-final-2-900x600.jpg 900w, https:\/\/www.psib-psoe.org\/mallorca\/wp-content\/uploads\/Congres-final-2-20x13.jpg 20w, https:\/\/www.psib-psoe.org\/mallorca\/wp-content\/uploads\/Congres-final-2.jpg 1600w\" sizes=\"(max-width: 600px) 100vw, 600px\" \/><\/figure>\n\t\t<div class=\"blog-top\">\n\t\t\t<header class=\"post-title entry-header\">\n\t\t\t\t<aside class=\"post-meta cf\">\n\t\t05\/04\/2025 \/ <a href=\"https:\/\/www.psib-psoe.org\/mallorca\/category\/15e-congres-fsm\/\" rel=\"category tag\">15\u00e8 Congr\u00e9s FSM<\/a>, <a href=\"https:\/\/www.psib-psoe.org\/mallorca\/category\/federacio-de-mallorca\/\" rel=\"category tag\">Federaci\u00f3 de Mallorca<\/a>, <a href=\"https:\/\/www.psib-psoe.org\/mallorca\/category\/federacio-de-mallorca-portada\/\" rel=\"category tag\">Federaci\u00f3 de Mallorca - Portada<\/a>, <a href=\"https:\/\/www.psib-psoe.org\/mallorca\/category\/portada\/\" rel=\"category tag\">Portada<\/a><\/aside>\n\t\t\t\t<h3 itemprop=\"headline\"><a href=\"https:\/\/www.psib-psoe.org\/mallorca\/amanda-fernandez-el-canvi-a-mallorca-ja-ha-comencat\/\" title=\"Amanda Fern\u00e0ndez: \u201cel canvi a Mallorca ja ha comen\u00e7at\u201d.\">Amanda Fern\u00e0ndez: \u201cel canvi a Mallorca ja ha comen\u00e7at\u201d.<\/a><\/h3>\n\t\t\t<\/header>\n\t\t<\/div>\n\t\t<div class=\"post-content\">\n\t\t\t<a href=\"https:\/\/www.psib-psoe.org\/mallorca\/amanda-fernandez-el-canvi-a-mallorca-ja-ha-comencat\/\" class=\"more-link\">Read More<\/a>\n\t\t<\/div>\n\t\t\t<aside class=\"post-bottom-meta hide\">\n\t\t<strong rel=\"author\" itemprop=\"author\" class=\"author vcard\"><span class=\"fn\">Albert<\/span><\/strong>\n\t\t<time class=\"date published time\" datetime=\"2025-04-05T19:42:10+02:00\" itemprop=\"datePublished\" content=\"2025-04-05T19:42:10+02:00\">05\/04\/2025<\/time>\n\t\t<meta itemprop=\"dateModified\" class=\"date updated\" content=\"2025-04-05T19:57:24+02:00\">\n\t\t<span class=\"hide\" itemprop=\"publisher\" itemscope itemtype=\"https:\/\/schema.org\/Organization\">\n\t\t\t<meta itemprop=\"name\" content=\"SocialistesdMca\">\n\t\t\t<span itemprop=\"logo\" itemscope itemtype=\"https:\/\/schema.org\/ImageObject\">\n\t\t\t\t<meta itemprop=\"url\" content=\"https:\/\/www.psib-psoe.org\/mallorca\/wp-content\/themes\/notio-wp\/assets\/img\/logo.png\">\n\t\t\t<\/span>\n\t\t\t<meta itemprop=\"url\" content=\"https:\/\/www.psib-psoe.org\/mallorca\/\">\n\t\t<\/span>\n\t\t\t\t<span class=\"hide\" itemprop=\"image\" itemscope itemtype=\"http:\/\/schema.org\/ImageObject\">\n\t\t\t<meta itemprop=\"url\" content=\"https:\/\/www.psib-psoe.org\/mallorca\/wp-content\/uploads\/Congres-final-2.jpg\">\n\t\t\t<meta itemprop=\"width\" content=\"1600\">\n\t\t\t<meta itemprop=\"height\" content=\"1066\">\n\t\t<\/span>\n\t\t\t\t<meta itemscope itemprop=\"mainEntityOfPage\" itemtype=\"https:\/\/schema.org\/WebPage\" itemid=\"https:\/\/www.psib-psoe.org\/mallorca\/amanda-fernandez-el-canvi-a-mallorca-ja-ha-comencat\/\">\n\t<\/aside>\n\t\t<\/article>\n<\/div>\n<div class=\"small-12 large-4 columns\">\n\t<article itemscope itemtype=\"http:\/\/schema.org\/Article\" class=\"post blog-style7 alt post-29667 type-post status-publish format-standard has-post-thumbnail hentry category-15e-congres-fsm category-federacio-de-mallorca category-federacio-de-mallorca-portada category-portada tag-amanda-fernandez tag-catalina-cladera tag-consell-de-mallorca tag-federacio-socialista-de-mallorca tag-francina-armengol tag-javier-de-juan tag-maria-bel-llinas tag-pep-gall\" role=\"article\">\n\t\t<figure class=\"post-gallery\"><img loading=\"lazy\" decoding=\"async\" width=\"600\" height=\"400\" src=\"https:\/\/www.psib-psoe.org\/mallorca\/wp-content\/uploads\/Congres-3-600x400.jpg\" class=\"attachment-notio-general-x2 size-notio-general-x2 wp-post-image\" alt=\"\" srcset=\"https:\/\/www.psib-psoe.org\/mallorca\/wp-content\/uploads\/Congres-3-600x400.jpg 600w, https:\/\/www.psib-psoe.org\/mallorca\/wp-content\/uploads\/Congres-3-300x200.jpg 300w, https:\/\/www.psib-psoe.org\/mallorca\/wp-content\/uploads\/Congres-3-1024x682.jpg 1024w, https:\/\/www.psib-psoe.org\/mallorca\/wp-content\/uploads\/Congres-3-768x512.jpg 768w, https:\/\/www.psib-psoe.org\/mallorca\/wp-content\/uploads\/Congres-3-1536x1023.jpg 1536w, https:\/\/www.psib-psoe.org\/mallorca\/wp-content\/uploads\/Congres-3-150x100.jpg 150w, https:\/\/www.psib-psoe.org\/mallorca\/wp-content\/uploads\/Congres-3-900x600.jpg 900w, https:\/\/www.psib-psoe.org\/mallorca\/wp-content\/uploads\/Congres-3-20x13.jpg 20w, https:\/\/www.psib-psoe.org\/mallorca\/wp-content\/uploads\/Congres-3.jpg 1600w\" sizes=\"(max-width: 600px) 100vw, 600px\" \/><\/figure>\n\t\t<div class=\"blog-top\">\n\t\t\t<header class=\"post-title entry-header\">\n\t\t\t\t<aside class=\"post-meta cf\">\n\t\t05\/04\/2025 \/ <a href=\"https:\/\/www.psib-psoe.org\/mallorca\/category\/15e-congres-fsm\/\" rel=\"category tag\">15\u00e8 Congr\u00e9s FSM<\/a>, <a href=\"https:\/\/www.psib-psoe.org\/mallorca\/category\/federacio-de-mallorca\/\" rel=\"category tag\">Federaci\u00f3 de Mallorca<\/a>, <a href=\"https:\/\/www.psib-psoe.org\/mallorca\/category\/federacio-de-mallorca-portada\/\" rel=\"category tag\">Federaci\u00f3 de Mallorca - Portada<\/a>, <a href=\"https:\/\/www.psib-psoe.org\/mallorca\/category\/portada\/\" rel=\"category tag\">Portada<\/a><\/aside>\n\t\t\t\t<h3 itemprop=\"headline\"><a href=\"https:\/\/www.psib-psoe.org\/mallorca\/catalina-cladera-destaca-la-fortalesa-de-les-agrupacions-socialistes-de-mallorca-i-fa-una-crida-a-enfortir-el-projecte-socialista-per-guanyar-les-eleccions-de-2027\/\" title=\"Catalina Cladera destaca la fortalesa de les Agrupacions Socialistes de Mallorca i fa una crida a \u201cenfortir el projecte socialista per guanyar les eleccions de 2027\u201d.\">Catalina Cladera destaca la fortalesa de les Agrupacions Socialistes de Mallorca i fa una crida a \u201cenfortir el projecte socialista per guanyar les eleccions de 2027\u201d.<\/a><\/h3>\n\t\t\t<\/header>\n\t\t<\/div>\n\t\t<div class=\"post-content\">\n\t\t\t<a href=\"https:\/\/www.psib-psoe.org\/mallorca\/catalina-cladera-destaca-la-fortalesa-de-les-agrupacions-socialistes-de-mallorca-i-fa-una-crida-a-enfortir-el-projecte-socialista-per-guanyar-les-eleccions-de-2027\/\" class=\"more-link\">Read More<\/a>\n\t\t<\/div>\n\t\t\t<aside class=\"post-bottom-meta hide\">\n\t\t<strong rel=\"author\" itemprop=\"author\" class=\"author vcard\"><span class=\"fn\">Albert<\/span><\/strong>\n\t\t<time class=\"date published time\" datetime=\"2025-04-05T13:22:37+02:00\" itemprop=\"datePublished\" content=\"2025-04-05T13:22:37+02:00\">05\/04\/2025<\/time>\n\t\t<meta itemprop=\"dateModified\" class=\"date updated\" content=\"2025-04-05T13:22:49+02:00\">\n\t\t<span class=\"hide\" itemprop=\"publisher\" itemscope itemtype=\"https:\/\/schema.org\/Organization\">\n\t\t\t<meta itemprop=\"name\" content=\"SocialistesdMca\">\n\t\t\t<span itemprop=\"logo\" itemscope itemtype=\"https:\/\/schema.org\/ImageObject\">\n\t\t\t\t<meta itemprop=\"url\" content=\"https:\/\/www.psib-psoe.org\/mallorca\/wp-content\/themes\/notio-wp\/assets\/img\/logo.png\">\n\t\t\t<\/span>\n\t\t\t<meta itemprop=\"url\" content=\"https:\/\/www.psib-psoe.org\/mallorca\/\">\n\t\t<\/span>\n\t\t\t\t<span class=\"hide\" itemprop=\"image\" itemscope itemtype=\"http:\/\/schema.org\/ImageObject\">\n\t\t\t<meta itemprop=\"url\" content=\"https:\/\/www.psib-psoe.org\/mallorca\/wp-content\/uploads\/Congres-3.jpg\">\n\t\t\t<meta itemprop=\"width\" content=\"1600\">\n\t\t\t<meta itemprop=\"height\" content=\"1066\">\n\t\t<\/span>\n\t\t\t\t<meta itemscope itemprop=\"mainEntityOfPage\" itemtype=\"https:\/\/schema.org\/WebPage\" itemid=\"https:\/\/www.psib-psoe.org\/mallorca\/catalina-cladera-destaca-la-fortalesa-de-les-agrupacions-socialistes-de-mallorca-i-fa-una-crida-a-enfortir-el-projecte-socialista-per-guanyar-les-eleccions-de-2027\/\">\n\t<\/aside>\n\t\t<\/article>\n<\/div>\n<div class=\"small-12 large-4 columns\">\n\t<article itemscope itemtype=\"http:\/\/schema.org\/Article\" class=\"post blog-style7 alt post-29662 type-post status-publish format-standard has-post-thumbnail hentry category-15e-congres-fsm category-federacio-de-mallorca category-federacio-de-mallorca-portada category-portada tag-amanda-fernandez tag-catalina-cladera tag-consell-de-mallorca tag-federacio-socialista-de-mallorca tag-francina-armengol tag-javier-de-juan\" role=\"article\">\n\t\t<figure class=\"post-gallery\"><img loading=\"lazy\" decoding=\"async\" width=\"600\" height=\"400\" src=\"https:\/\/www.psib-psoe.org\/mallorca\/wp-content\/uploads\/De-Juan-Congres-FSM2-600x400.jpg\" class=\"attachment-notio-general-x2 size-notio-general-x2 wp-post-image\" alt=\"\" srcset=\"https:\/\/www.psib-psoe.org\/mallorca\/wp-content\/uploads\/De-Juan-Congres-FSM2-600x400.jpg 600w, https:\/\/www.psib-psoe.org\/mallorca\/wp-content\/uploads\/De-Juan-Congres-FSM2-300x200.jpg 300w, https:\/\/www.psib-psoe.org\/mallorca\/wp-content\/uploads\/De-Juan-Congres-FSM2-900x600.jpg 900w, https:\/\/www.psib-psoe.org\/mallorca\/wp-content\/uploads\/De-Juan-Congres-FSM2-20x13.jpg 20w\" sizes=\"(max-width: 600px) 100vw, 600px\" \/><\/figure>\n\t\t<div class=\"blog-top\">\n\t\t\t<header class=\"post-title entry-header\">\n\t\t\t\t<aside class=\"post-meta cf\">\n\t\t03\/04\/2025 \/ <a href=\"https:\/\/www.psib-psoe.org\/mallorca\/category\/15e-congres-fsm\/\" rel=\"category tag\">15\u00e8 Congr\u00e9s FSM<\/a>, <a href=\"https:\/\/www.psib-psoe.org\/mallorca\/category\/federacio-de-mallorca\/\" rel=\"category tag\">Federaci\u00f3 de Mallorca<\/a>, <a href=\"https:\/\/www.psib-psoe.org\/mallorca\/category\/federacio-de-mallorca-portada\/\" rel=\"category tag\">Federaci\u00f3 de Mallorca - Portada<\/a>, <a href=\"https:\/\/www.psib-psoe.org\/mallorca\/category\/portada\/\" rel=\"category tag\">Portada<\/a><\/aside>\n\t\t\t\t<h3 itemprop=\"headline\"><a href=\"https:\/\/www.psib-psoe.org\/mallorca\/triam-lluitar-per-mallorca-sera-el-lema-dels-socialistes-per-al-15e-congres-fsm-que-se-celebra-aquest-dissabte\/\" title=\"\u2018Triam lluitar per Mallorca\u2019 ser\u00e0 el lema dels Socialistes per al 15\u00e8 Congr\u00e9s FSM que se celebra aquest dissabte.\">\u2018Triam lluitar per Mallorca\u2019 ser\u00e0 el lema dels Socialistes per al 15\u00e8 Congr\u00e9s FSM que se celebra aquest dissabte.<\/a><\/h3>\n\t\t\t<\/header>\n\t\t<\/div>\n\t\t<div class=\"post-content\">\n\t\t\t<a href=\"https:\/\/www.psib-psoe.org\/mallorca\/triam-lluitar-per-mallorca-sera-el-lema-dels-socialistes-per-al-15e-congres-fsm-que-se-celebra-aquest-dissabte\/\" class=\"more-link\">Read More<\/a>\n\t\t<\/div>\n\t\t\t<aside class=\"post-bottom-meta hide\">\n\t\t<strong rel=\"author\" itemprop=\"author\" class=\"author vcard\"><span class=\"fn\">Albert<\/span><\/strong>\n\t\t<time class=\"date published time\" datetime=\"2025-04-03T13:25:16+02:00\" itemprop=\"datePublished\" content=\"2025-04-03T13:25:16+02:00\">03\/04\/2025<\/time>\n\t\t<meta itemprop=\"dateModified\" class=\"date updated\" content=\"2025-04-03T13:25:29+02:00\">\n\t\t<span class=\"hide\" itemprop=\"publisher\" itemscope itemtype=\"https:\/\/schema.org\/Organization\">\n\t\t\t<meta itemprop=\"name\" content=\"SocialistesdMca\">\n\t\t\t<span itemprop=\"logo\" itemscope itemtype=\"https:\/\/schema.org\/ImageObject\">\n\t\t\t\t<meta itemprop=\"url\" content=\"https:\/\/www.psib-psoe.org\/mallorca\/wp-content\/themes\/notio-wp\/assets\/img\/logo.png\">\n\t\t\t<\/span>\n\t\t\t<meta itemprop=\"url\" content=\"https:\/\/www.psib-psoe.org\/mallorca\/\">\n\t\t<\/span>\n\t\t\t\t<span class=\"hide\" itemprop=\"image\" itemscope itemtype=\"http:\/\/schema.org\/ImageObject\">\n\t\t\t<meta itemprop=\"url\" content=\"https:\/\/www.psib-psoe.org\/mallorca\/wp-content\/uploads\/De-Juan-Congres-FSM2.jpg\">\n\t\t\t<meta itemprop=\"width\" content=\"2560\">\n\t\t\t<meta itemprop=\"height\" content=\"1920\">\n\t\t<\/span>\n\t\t\t\t<meta itemscope itemprop=\"mainEntityOfPage\" itemtype=\"https:\/\/schema.org\/WebPage\" itemid=\"https:\/\/www.psib-psoe.org\/mallorca\/triam-lluitar-per-mallorca-sera-el-lema-dels-socialistes-per-al-15e-congres-fsm-que-se-celebra-aquest-dissabte\/\">\n\t<\/aside>\n\t\t<\/article>\n<\/div>\n<div class=\"small-12 large-4 columns\">\n\t<article itemscope itemtype=\"http:\/\/schema.org\/Article\" class=\"post blog-style7 alt post-29658 type-post status-publish format-standard has-post-thumbnail hentry category-federacio-de-mallorca category-federacio-de-mallorca-portada category-municipis category-portada tag-agrupacio-socialista-de-sa-pobla tag-amanda-fernandez tag-bea-gamundi tag-catalina-cladera tag-federacio-socialista-de-mallorca tag-xesca-mir\" role=\"article\">\n\t\t<figure class=\"post-gallery\"><img loading=\"lazy\" decoding=\"async\" width=\"600\" height=\"400\" src=\"https:\/\/www.psib-psoe.org\/mallorca\/wp-content\/uploads\/Disseny-sense-ti\u0301tol-19-600x400.jpg\" class=\"attachment-notio-general-x2 size-notio-general-x2 wp-post-image\" alt=\"\" srcset=\"https:\/\/www.psib-psoe.org\/mallorca\/wp-content\/uploads\/Disseny-sense-ti\u0301tol-19-600x400.jpg 600w, https:\/\/www.psib-psoe.org\/mallorca\/wp-content\/uploads\/Disseny-sense-ti\u0301tol-19-300x200.jpg 300w, https:\/\/www.psib-psoe.org\/mallorca\/wp-content\/uploads\/Disseny-sense-ti\u0301tol-19-900x600.jpg 900w, https:\/\/www.psib-psoe.org\/mallorca\/wp-content\/uploads\/Disseny-sense-ti\u0301tol-19-20x13.jpg 20w\" sizes=\"(max-width: 600px) 100vw, 600px\" \/><\/figure>\n\t\t<div class=\"blog-top\">\n\t\t\t<header class=\"post-title entry-header\">\n\t\t\t\t<aside class=\"post-meta cf\">\n\t\t03\/04\/2025 \/ <a href=\"https:\/\/www.psib-psoe.org\/mallorca\/category\/federacio-de-mallorca\/\" rel=\"category tag\">Federaci\u00f3 de Mallorca<\/a>, <a href=\"https:\/\/www.psib-psoe.org\/mallorca\/category\/federacio-de-mallorca-portada\/\" rel=\"category tag\">Federaci\u00f3 de Mallorca - Portada<\/a>, <a href=\"https:\/\/www.psib-psoe.org\/mallorca\/category\/municipis\/\" rel=\"category tag\">Municipis<\/a>, <a href=\"https:\/\/www.psib-psoe.org\/mallorca\/category\/portada\/\" rel=\"category tag\">Portada<\/a><\/aside>\n\t\t\t\t<h3 itemprop=\"headline\"><a href=\"https:\/\/www.psib-psoe.org\/mallorca\/els-socialistes-de-sa-pobla-reclamen-que-lajuntament-rebi-la-compensacio-legal-establerta-pel-proces-de-venda-de-sesplet\/\" title=\"Els Socialistes de sa Pobla reclamen que l\u2019Ajuntament rebi la compensaci\u00f3 legal establerta pel proc\u00e9s de venda de s\u2019Esplet. \u00a0\">Els Socialistes de sa Pobla reclamen que l\u2019Ajuntament rebi la compensaci\u00f3 legal establerta pel proc\u00e9s de venda de s\u2019Esplet. \u00a0<\/a><\/h3>\n\t\t\t<\/header>\n\t\t<\/div>\n\t\t<div class=\"post-content\">\n\t\t\t<a href=\"https:\/\/www.psib-psoe.org\/mallorca\/els-socialistes-de-sa-pobla-reclamen-que-lajuntament-rebi-la-compensacio-legal-establerta-pel-proces-de-venda-de-sesplet\/\" class=\"more-link\">Read More<\/a>\n\t\t<\/div>\n\t\t\t<aside class=\"post-bottom-meta hide\">\n\t\t<strong rel=\"author\" itemprop=\"author\" class=\"author vcard\"><span class=\"fn\">Albert<\/span><\/strong>\n\t\t<time class=\"date published time\" datetime=\"2025-04-03T10:02:15+02:00\" itemprop=\"datePublished\" content=\"2025-04-03T10:02:15+02:00\">03\/04\/2025<\/time>\n\t\t<meta itemprop=\"dateModified\" class=\"date updated\" content=\"2025-04-03T10:02:27+02:00\">\n\t\t<span class=\"hide\" itemprop=\"publisher\" itemscope itemtype=\"https:\/\/schema.org\/Organization\">\n\t\t\t<meta itemprop=\"name\" content=\"SocialistesdMca\">\n\t\t\t<span itemprop=\"logo\" itemscope itemtype=\"https:\/\/schema.org\/ImageObject\">\n\t\t\t\t<meta itemprop=\"url\" content=\"https:\/\/www.psib-psoe.org\/mallorca\/wp-content\/themes\/notio-wp\/assets\/img\/logo.png\">\n\t\t\t<\/span>\n\t\t\t<meta itemprop=\"url\" content=\"https:\/\/www.psib-psoe.org\/mallorca\/\">\n\t\t<\/span>\n\t\t\t\t<span class=\"hide\" itemprop=\"image\" itemscope itemtype=\"http:\/\/schema.org\/ImageObject\">\n\t\t\t<meta itemprop=\"url\" content=\"https:\/\/www.psib-psoe.org\/mallorca\/wp-content\/uploads\/Disseny-sense-ti\u0301tol-19.jpg\">\n\t\t\t<meta itemprop=\"width\" content=\"1080\">\n\t\t\t<meta itemprop=\"height\" content=\"1080\">\n\t\t<\/span>\n\t\t\t\t<meta itemscope itemprop=\"mainEntityOfPage\" itemtype=\"https:\/\/schema.org\/WebPage\" itemid=\"https:\/\/www.psib-psoe.org\/mallorca\/els-socialistes-de-sa-pobla-reclamen-que-lajuntament-rebi-la-compensacio-legal-establerta-pel-proces-de-venda-de-sesplet\/\">\n\t<\/aside>\n\t\t<\/article>\n<\/div>\n<div class=\"small-12 large-4 columns\">\n\t<article itemscope itemtype=\"http:\/\/schema.org\/Article\" class=\"post blog-style7 alt post-29656 type-post status-publish format-standard has-post-thumbnail hentry category-federacio-de-mallorca category-municipis category-portada tag-agrupacio-socialista-de-llucmajor tag-federacio-socialista-de-mallorca tag-jaume-j-oliver tag-llucmajor tag-psib-psoe\" role=\"article\">\n\t\t<figure class=\"post-gallery\"><img loading=\"lazy\" decoding=\"async\" width=\"600\" height=\"400\" src=\"https:\/\/www.psib-psoe.org\/mallorca\/wp-content\/uploads\/240125-Socialistes-Llucmajor-1-600x400.jpeg\" class=\"attachment-notio-general-x2 size-notio-general-x2 wp-post-image\" alt=\"\" srcset=\"https:\/\/www.psib-psoe.org\/mallorca\/wp-content\/uploads\/240125-Socialistes-Llucmajor-1-600x400.jpeg 600w, https:\/\/www.psib-psoe.org\/mallorca\/wp-content\/uploads\/240125-Socialistes-Llucmajor-1-300x200.jpeg 300w, https:\/\/www.psib-psoe.org\/mallorca\/wp-content\/uploads\/240125-Socialistes-Llucmajor-1-900x600.jpeg 900w, https:\/\/www.psib-psoe.org\/mallorca\/wp-content\/uploads\/240125-Socialistes-Llucmajor-1-20x13.jpeg 20w\" sizes=\"(max-width: 600px) 100vw, 600px\" \/><\/figure>\n\t\t<div class=\"blog-top\">\n\t\t\t<header class=\"post-title entry-header\">\n\t\t\t\t<aside class=\"post-meta cf\">\n\t\t28\/03\/2025 \/ <a href=\"https:\/\/www.psib-psoe.org\/mallorca\/category\/federacio-de-mallorca\/\" rel=\"category tag\">Federaci\u00f3 de Mallorca<\/a>, <a href=\"https:\/\/www.psib-psoe.org\/mallorca\/category\/municipis\/\" rel=\"category tag\">Municipis<\/a>, <a href=\"https:\/\/www.psib-psoe.org\/mallorca\/category\/portada\/\" rel=\"category tag\">Portada<\/a><\/aside>\n\t\t\t\t<h3 itemprop=\"headline\"><a href=\"https:\/\/www.psib-psoe.org\/mallorca\/llucmajor-sapunta-a-la-iniciativa-dels-socialistes-per-combatre-la-solitud-no-desitjada-de-gent-gran-des-de-la-perspectiva-de-genere\/\" title=\"Llucmajor s\u2019apunta a la iniciativa dels Socialistes per combatre la solitud no desitjada de gent gran des de la perspectiva de g\u00e8nere.\">Llucmajor s\u2019apunta a la iniciativa dels Socialistes per combatre la solitud no desitjada de gent gran des de la perspectiva de g\u00e8nere.<\/a><\/h3>\n\t\t\t<\/header>\n\t\t<\/div>\n\t\t<div class=\"post-content\">\n\t\t\t<a href=\"https:\/\/www.psib-psoe.org\/mallorca\/llucmajor-sapunta-a-la-iniciativa-dels-socialistes-per-combatre-la-solitud-no-desitjada-de-gent-gran-des-de-la-perspectiva-de-genere\/\" class=\"more-link\">Read More<\/a>\n\t\t<\/div>\n\t\t\t<aside class=\"post-bottom-meta hide\">\n\t\t<strong rel=\"author\" itemprop=\"author\" class=\"author vcard\"><span class=\"fn\">Albert<\/span><\/strong>\n\t\t<time class=\"date published time\" datetime=\"2025-03-28T14:50:54+02:00\" itemprop=\"datePublished\" content=\"2025-03-28T14:50:54+02:00\">28\/03\/2025<\/time>\n\t\t<meta itemprop=\"dateModified\" class=\"date updated\" content=\"2025-03-28T14:51:05+02:00\">\n\t\t<span class=\"hide\" itemprop=\"publisher\" itemscope itemtype=\"https:\/\/schema.org\/Organization\">\n\t\t\t<meta itemprop=\"name\" content=\"SocialistesdMca\">\n\t\t\t<span itemprop=\"logo\" itemscope itemtype=\"https:\/\/schema.org\/ImageObject\">\n\t\t\t\t<meta itemprop=\"url\" content=\"https:\/\/www.psib-psoe.org\/mallorca\/wp-content\/themes\/notio-wp\/assets\/img\/logo.png\">\n\t\t\t<\/span>\n\t\t\t<meta itemprop=\"url\" content=\"https:\/\/www.psib-psoe.org\/mallorca\/\">\n\t\t<\/span>\n\t\t\t\t<span class=\"hide\" itemprop=\"image\" itemscope itemtype=\"http:\/\/schema.org\/ImageObject\">\n\t\t\t<meta itemprop=\"url\" content=\"https:\/\/www.psib-psoe.org\/mallorca\/wp-content\/uploads\/240125-Socialistes-Llucmajor-1.jpeg\">\n\t\t\t<meta itemprop=\"width\" content=\"1200\">\n\t\t\t<meta itemprop=\"height\" content=\"1600\">\n\t\t<\/span>\n\t\t\t\t<meta itemscope itemprop=\"mainEntityOfPage\" itemtype=\"https:\/\/schema.org\/WebPage\" itemid=\"https:\/\/www.psib-psoe.org\/mallorca\/llucmajor-sapunta-a-la-iniciativa-dels-socialistes-per-combatre-la-solitud-no-desitjada-de-gent-gran-des-de-la-perspectiva-de-genere\/\">\n\t<\/aside>\n\t\t<\/article>\n<\/div>\n<div class=\"small-12 large-4 columns\">\n\t<article itemscope itemtype=\"http:\/\/schema.org\/Article\" class=\"post blog-style7 alt post-29649 type-post status-publish format-standard has-post-thumbnail hentry category-consell-de-mallorca category-federacio-de-mallorca category-federacio-de-mallorca-portada category-portada tag-amanda-fernandez tag-antonio-giraldo tag-catalina-cladera tag-consell-de-mallorca tag-federacio-socialista-de-mallorca tag-javier-de-juan tag-joan-ferrer\" role=\"article\">\n\t\t<figure class=\"post-gallery\"><img loading=\"lazy\" decoding=\"async\" width=\"600\" height=\"400\" src=\"https:\/\/www.psib-psoe.org\/mallorca\/wp-content\/uploads\/Mobilitat-3-600x400.jpg\" class=\"attachment-notio-general-x2 size-notio-general-x2 wp-post-image\" alt=\"\" srcset=\"https:\/\/www.psib-psoe.org\/mallorca\/wp-content\/uploads\/Mobilitat-3-600x400.jpg 600w, https:\/\/www.psib-psoe.org\/mallorca\/wp-content\/uploads\/Mobilitat-3-300x200.jpg 300w, https:\/\/www.psib-psoe.org\/mallorca\/wp-content\/uploads\/Mobilitat-3-900x600.jpg 900w, https:\/\/www.psib-psoe.org\/mallorca\/wp-content\/uploads\/Mobilitat-3-20x13.jpg 20w\" sizes=\"(max-width: 600px) 100vw, 600px\" \/><\/figure>\n\t\t<div class=\"blog-top\">\n\t\t\t<header class=\"post-title entry-header\">\n\t\t\t\t<aside class=\"post-meta cf\">\n\t\t26\/03\/2025 \/ <a href=\"https:\/\/www.psib-psoe.org\/mallorca\/category\/consell-de-mallorca\/\" rel=\"category tag\">Consell de Mallorca<\/a>, <a href=\"https:\/\/www.psib-psoe.org\/mallorca\/category\/federacio-de-mallorca\/\" rel=\"category tag\">Federaci\u00f3 de Mallorca<\/a>, <a href=\"https:\/\/www.psib-psoe.org\/mallorca\/category\/federacio-de-mallorca-portada\/\" rel=\"category tag\">Federaci\u00f3 de Mallorca - Portada<\/a>, <a href=\"https:\/\/www.psib-psoe.org\/mallorca\/category\/portada\/\" rel=\"category tag\">Portada<\/a><\/aside>\n\t\t\t\t<h3 itemprop=\"headline\"><a href=\"https:\/\/www.psib-psoe.org\/mallorca\/els-socialistes-de-mallorca-plantegen-alternatives-a-lactual-paralisi-de-ppvox-per-una-mobilitat-sostenible-com-a-un-dret-de-la-ciutadania\/\" title=\"Els Socialistes de Mallorca plantegen alternatives a l\u2019actual par\u00e0lisi de PPVox, per una mobilitat sostenible com a un dret de la ciutadania.\">Els Socialistes de Mallorca plantegen alternatives a l\u2019actual par\u00e0lisi de PPVox, per una mobilitat sostenible com a un dret de la ciutadania.<\/a><\/h3>\n\t\t\t<\/header>\n\t\t<\/div>\n\t\t<div class=\"post-content\">\n\t\t\t<a href=\"https:\/\/www.psib-psoe.org\/mallorca\/els-socialistes-de-mallorca-plantegen-alternatives-a-lactual-paralisi-de-ppvox-per-una-mobilitat-sostenible-com-a-un-dret-de-la-ciutadania\/\" class=\"more-link\">Read More<\/a>\n\t\t<\/div>\n\t\t\t<aside class=\"post-bottom-meta hide\">\n\t\t<strong rel=\"author\" itemprop=\"author\" class=\"author vcard\"><span class=\"fn\">Marc<\/span><\/strong>\n\t\t<time class=\"date published time\" datetime=\"2025-03-26T21:07:52+02:00\" itemprop=\"datePublished\" content=\"2025-03-26T21:07:52+02:00\">26\/03\/2025<\/time>\n\t\t<meta itemprop=\"dateModified\" class=\"date updated\" content=\"2025-03-26T21:08:03+02:00\">\n\t\t<span class=\"hide\" itemprop=\"publisher\" itemscope itemtype=\"https:\/\/schema.org\/Organization\">\n\t\t\t<meta itemprop=\"name\" content=\"SocialistesdMca\">\n\t\t\t<span itemprop=\"logo\" itemscope itemtype=\"https:\/\/schema.org\/ImageObject\">\n\t\t\t\t<meta itemprop=\"url\" content=\"https:\/\/www.psib-psoe.org\/mallorca\/wp-content\/themes\/notio-wp\/assets\/img\/logo.png\">\n\t\t\t<\/span>\n\t\t\t<meta itemprop=\"url\" content=\"https:\/\/www.psib-psoe.org\/mallorca\/\">\n\t\t<\/span>\n\t\t\t\t<span class=\"hide\" itemprop=\"image\" itemscope itemtype=\"http:\/\/schema.org\/ImageObject\">\n\t\t\t<meta itemprop=\"url\" content=\"https:\/\/www.psib-psoe.org\/mallorca\/wp-content\/uploads\/Mobilitat-3-scaled.jpg\">\n\t\t\t<meta itemprop=\"width\" content=\"2560\">\n\t\t\t<meta itemprop=\"height\" content=\"1920\">\n\t\t<\/span>\n\t\t\t\t<meta itemscope itemprop=\"mainEntityOfPage\" itemtype=\"https:\/\/schema.org\/WebPage\" itemid=\"https:\/\/www.psib-psoe.org\/mallorca\/els-socialistes-de-mallorca-plantegen-alternatives-a-lactual-paralisi-de-ppvox-per-una-mobilitat-sostenible-com-a-un-dret-de-la-ciutadania\/\">\n\t<\/aside>\n\t\t<\/article>\n<\/div>\n<div class=\"small-12 large-4 columns\">\n\t<article itemscope itemtype=\"http:\/\/schema.org\/Article\" class=\"post blog-style7 alt post-29644 type-post status-publish format-standard has-post-thumbnail hentry category-consell-de-mallorca category-federacio-de-mallorca category-federacio-de-mallorca-portada category-portada tag-amanda-fernandez tag-catalina-cladera tag-consell-de-mallorca tag-federacio-socialista-de-mallorca tag-javier-de-juan tag-joan-ferrer\" role=\"article\">\n\t\t<figure class=\"post-gallery\"><img loading=\"lazy\" decoding=\"async\" width=\"600\" height=\"400\" src=\"https:\/\/www.psib-psoe.org\/mallorca\/wp-content\/uploads\/Ferrer-600x400.jpg\" class=\"attachment-notio-general-x2 size-notio-general-x2 wp-post-image\" alt=\"\" srcset=\"https:\/\/www.psib-psoe.org\/mallorca\/wp-content\/uploads\/Ferrer-600x400.jpg 600w, https:\/\/www.psib-psoe.org\/mallorca\/wp-content\/uploads\/Ferrer-300x200.jpg 300w, https:\/\/www.psib-psoe.org\/mallorca\/wp-content\/uploads\/Ferrer-900x600.jpg 900w, https:\/\/www.psib-psoe.org\/mallorca\/wp-content\/uploads\/Ferrer-20x13.jpg 20w\" sizes=\"(max-width: 600px) 100vw, 600px\" \/><\/figure>\n\t\t<div class=\"blog-top\">\n\t\t\t<header class=\"post-title entry-header\">\n\t\t\t\t<aside class=\"post-meta cf\">\n\t\t26\/03\/2025 \/ <a href=\"https:\/\/www.psib-psoe.org\/mallorca\/category\/consell-de-mallorca\/\" rel=\"category tag\">Consell de Mallorca<\/a>, <a href=\"https:\/\/www.psib-psoe.org\/mallorca\/category\/federacio-de-mallorca\/\" rel=\"category tag\">Federaci\u00f3 de Mallorca<\/a>, <a href=\"https:\/\/www.psib-psoe.org\/mallorca\/category\/federacio-de-mallorca-portada\/\" rel=\"category tag\">Federaci\u00f3 de Mallorca - Portada<\/a>, <a href=\"https:\/\/www.psib-psoe.org\/mallorca\/category\/portada\/\" rel=\"category tag\">Portada<\/a><\/aside>\n\t\t\t\t<h3 itemprop=\"headline\"><a href=\"https:\/\/www.psib-psoe.org\/mallorca\/el-consell-de-mallorca-mante-tancat-el-museu-maritim-de-mallorca-des-de-fa-mes-dun-any-per-no-haver-licitat-la-connexio-de-les-manegues-contra-incendis\/\" title=\"El Consell de Mallorca mant\u00e9 tancat el Museu Mar\u00edtim de Mallorca des de fa m\u00e9s d\u2019un any per no haver licitat la connexi\u00f3 de les m\u00e0negues contra-incendis.\">El Consell de Mallorca mant\u00e9 tancat el Museu Mar\u00edtim de Mallorca des de fa m\u00e9s d\u2019un any per no haver licitat la connexi\u00f3 de les m\u00e0negues contra-incendis.<\/a><\/h3>\n\t\t\t<\/header>\n\t\t<\/div>\n\t\t<div class=\"post-content\">\n\t\t\t<a href=\"https:\/\/www.psib-psoe.org\/mallorca\/el-consell-de-mallorca-mante-tancat-el-museu-maritim-de-mallorca-des-de-fa-mes-dun-any-per-no-haver-licitat-la-connexio-de-les-manegues-contra-incendis\/\" class=\"more-link\">Read More<\/a>\n\t\t<\/div>\n\t\t\t<aside class=\"post-bottom-meta hide\">\n\t\t<strong rel=\"author\" itemprop=\"author\" class=\"author vcard\"><span class=\"fn\">Albert<\/span><\/strong>\n\t\t<time class=\"date published time\" datetime=\"2025-03-26T16:29:59+02:00\" itemprop=\"datePublished\" content=\"2025-03-26T16:29:59+02:00\">26\/03\/2025<\/time>\n\t\t<meta itemprop=\"dateModified\" class=\"date updated\" content=\"2025-03-26T16:30:12+02:00\">\n\t\t<span class=\"hide\" itemprop=\"publisher\" itemscope itemtype=\"https:\/\/schema.org\/Organization\">\n\t\t\t<meta itemprop=\"name\" content=\"SocialistesdMca\">\n\t\t\t<span itemprop=\"logo\" itemscope itemtype=\"https:\/\/schema.org\/ImageObject\">\n\t\t\t\t<meta itemprop=\"url\" content=\"https:\/\/www.psib-psoe.org\/mallorca\/wp-content\/themes\/notio-wp\/assets\/img\/logo.png\">\n\t\t\t<\/span>\n\t\t\t<meta itemprop=\"url\" content=\"https:\/\/www.psib-psoe.org\/mallorca\/\">\n\t\t<\/span>\n\t\t\t\t<span class=\"hide\" itemprop=\"image\" itemscope itemtype=\"http:\/\/schema.org\/ImageObject\">\n\t\t\t<meta itemprop=\"url\" content=\"https:\/\/www.psib-psoe.org\/mallorca\/wp-content\/uploads\/Ferrer.jpg\">\n\t\t\t<meta itemprop=\"width\" content=\"1600\">\n\t\t\t<meta itemprop=\"height\" content=\"1309\">\n\t\t<\/span>\n\t\t\t\t<meta itemscope itemprop=\"mainEntityOfPage\" itemtype=\"https:\/\/schema.org\/WebPage\" itemid=\"https:\/\/www.psib-psoe.org\/mallorca\/el-consell-de-mallorca-mante-tancat-el-museu-maritim-de-mallorca-des-de-fa-mes-dun-any-per-no-haver-licitat-la-connexio-de-les-manegues-contra-incendis\/\">\n\t<\/aside>\n\t\t<\/article>\n<\/div>\n<div class=\"small-12 large-4 columns\">\n\t<article itemscope itemtype=\"http:\/\/schema.org\/Article\" class=\"post blog-style7 alt post-29639 type-post status-publish format-standard has-post-thumbnail hentry category-consell-de-mallorca category-federacio-de-mallorca category-federacio-de-mallorca-portada category-portada tag-federacio-socialista-de-mallorca tag-nuria-riera tag-pib tag-pilar-costa\" role=\"article\">\n\t\t<figure class=\"post-gallery\"><img loading=\"lazy\" decoding=\"async\" width=\"600\" height=\"400\" src=\"https:\/\/www.psib-psoe.org\/mallorca\/wp-content\/uploads\/250325_Pilar-Costa-Ple-PIB-600x400.png\" class=\"attachment-notio-general-x2 size-notio-general-x2 wp-post-image\" alt=\"\" srcset=\"https:\/\/www.psib-psoe.org\/mallorca\/wp-content\/uploads\/250325_Pilar-Costa-Ple-PIB-600x400.png 600w, https:\/\/www.psib-psoe.org\/mallorca\/wp-content\/uploads\/250325_Pilar-Costa-Ple-PIB-300x200.png 300w, https:\/\/www.psib-psoe.org\/mallorca\/wp-content\/uploads\/250325_Pilar-Costa-Ple-PIB-20x13.png 20w, https:\/\/www.psib-psoe.org\/mallorca\/wp-content\/uploads\/250325_Pilar-Costa-Ple-PIB-900x600.png 900w\" sizes=\"(max-width: 600px) 100vw, 600px\" \/><\/figure>\n\t\t<div class=\"blog-top\">\n\t\t\t<header class=\"post-title entry-header\">\n\t\t\t\t<aside class=\"post-meta cf\">\n\t\t25\/03\/2025 \/ <a href=\"https:\/\/www.psib-psoe.org\/mallorca\/category\/consell-de-mallorca\/\" rel=\"category tag\">Consell de Mallorca<\/a>, <a href=\"https:\/\/www.psib-psoe.org\/mallorca\/category\/federacio-de-mallorca\/\" rel=\"category tag\">Federaci\u00f3 de Mallorca<\/a>, <a href=\"https:\/\/www.psib-psoe.org\/mallorca\/category\/federacio-de-mallorca-portada\/\" rel=\"category tag\">Federaci\u00f3 de Mallorca - Portada<\/a>, <a href=\"https:\/\/www.psib-psoe.org\/mallorca\/category\/portada\/\" rel=\"category tag\">Portada<\/a><\/aside>\n\t\t\t\t<h3 itemprop=\"headline\"><a href=\"https:\/\/www.psib-psoe.org\/mallorca\/el-govern-admet-per-primera-vegada-irregularitats-en-el-control-horari-de-la-portaveu-del-pp-al-consell-nuria-riera-en-la-seva-feina-com-a-funcionaria-de-la-caib\/\" title=\"El Govern admet per primera vegada \u201cirregularitats\u201d en el control horari de la portaveu del PP al Consell, N\u00faria Riera, en la seva feina com a funcion\u00e0ria de la CAIB\">El Govern admet per primera vegada \u201cirregularitats\u201d en el control horari de la portaveu del PP al Consell, N\u00faria Riera, en la seva feina com a funcion\u00e0ria de la CAIB<\/a><\/h3>\n\t\t\t<\/header>\n\t\t<\/div>\n\t\t<div class=\"post-content\">\n\t\t\t<a href=\"https:\/\/www.psib-psoe.org\/mallorca\/el-govern-admet-per-primera-vegada-irregularitats-en-el-control-horari-de-la-portaveu-del-pp-al-consell-nuria-riera-en-la-seva-feina-com-a-funcionaria-de-la-caib\/\" class=\"more-link\">Read More<\/a>\n\t\t<\/div>\n\t\t\t<aside class=\"post-bottom-meta hide\">\n\t\t<strong rel=\"author\" itemprop=\"author\" class=\"author vcard\"><span class=\"fn\">Albert<\/span><\/strong>\n\t\t<time class=\"date published time\" datetime=\"2025-03-25T15:36:18+02:00\" itemprop=\"datePublished\" content=\"2025-03-25T15:36:18+02:00\">25\/03\/2025<\/time>\n\t\t<meta itemprop=\"dateModified\" class=\"date updated\" content=\"2025-03-25T15:36:29+02:00\">\n\t\t<span class=\"hide\" itemprop=\"publisher\" itemscope itemtype=\"https:\/\/schema.org\/Organization\">\n\t\t\t<meta itemprop=\"name\" content=\"SocialistesdMca\">\n\t\t\t<span itemprop=\"logo\" itemscope itemtype=\"https:\/\/schema.org\/ImageObject\">\n\t\t\t\t<meta itemprop=\"url\" content=\"https:\/\/www.psib-psoe.org\/mallorca\/wp-content\/themes\/notio-wp\/assets\/img\/logo.png\">\n\t\t\t<\/span>\n\t\t\t<meta itemprop=\"url\" content=\"https:\/\/www.psib-psoe.org\/mallorca\/\">\n\t\t<\/span>\n\t\t\t\t<span class=\"hide\" itemprop=\"image\" itemscope itemtype=\"http:\/\/schema.org\/ImageObject\">\n\t\t\t<meta itemprop=\"url\" content=\"https:\/\/www.psib-psoe.org\/mallorca\/wp-content\/uploads\/250325_Pilar-Costa-Ple-PIB.png\">\n\t\t\t<meta itemprop=\"width\" content=\"1768\">\n\t\t\t<meta itemprop=\"height\" content=\"1094\">\n\t\t<\/span>\n\t\t\t\t<meta itemscope itemprop=\"mainEntityOfPage\" itemtype=\"https:\/\/schema.org\/WebPage\" itemid=\"https:\/\/www.psib-psoe.org\/mallorca\/el-govern-admet-per-primera-vegada-irregularitats-en-el-control-horari-de-la-portaveu-del-pp-al-consell-nuria-riera-en-la-seva-feina-com-a-funcionaria-de-la-caib\/\">\n\t<\/aside>\n\t\t<\/article>\n<\/div>\n<div class=\"small-12 large-4 columns\">\n\t<article itemscope itemtype=\"http:\/\/schema.org\/Article\" class=\"post blog-style7 alt post-29637 type-post status-publish format-standard has-post-thumbnail hentry category-consell-de-mallorca category-federacio-de-mallorca category-federacio-de-mallorca-portada category-portada tag-agrupacio-socialista-dalgaida tag-amanda-fernandez tag-barbara-rebassa tag-catalina-cladera tag-federacio-socialista-de-mallorca tag-joan-gaspar-vallori\" role=\"article\">\n\t\t<figure class=\"post-gallery\"><img loading=\"lazy\" decoding=\"async\" width=\"600\" height=\"400\" src=\"https:\/\/www.psib-psoe.org\/mallorca\/wp-content\/uploads\/Foto-Alcudia-600x400.jpg\" class=\"attachment-notio-general-x2 size-notio-general-x2 wp-post-image\" alt=\"\" srcset=\"https:\/\/www.psib-psoe.org\/mallorca\/wp-content\/uploads\/Foto-Alcudia-600x400.jpg 600w, https:\/\/www.psib-psoe.org\/mallorca\/wp-content\/uploads\/Foto-Alcudia-300x200.jpg 300w, https:\/\/www.psib-psoe.org\/mallorca\/wp-content\/uploads\/Foto-Alcudia-900x600.jpg 900w, https:\/\/www.psib-psoe.org\/mallorca\/wp-content\/uploads\/Foto-Alcudia-20x13.jpg 20w\" sizes=\"(max-width: 600px) 100vw, 600px\" \/><\/figure>\n\t\t<div class=\"blog-top\">\n\t\t\t<header class=\"post-title entry-header\">\n\t\t\t\t<aside class=\"post-meta cf\">\n\t\t21\/03\/2025 \/ <a href=\"https:\/\/www.psib-psoe.org\/mallorca\/category\/consell-de-mallorca\/\" rel=\"category tag\">Consell de Mallorca<\/a>, <a href=\"https:\/\/www.psib-psoe.org\/mallorca\/category\/federacio-de-mallorca\/\" rel=\"category tag\">Federaci\u00f3 de Mallorca<\/a>, <a href=\"https:\/\/www.psib-psoe.org\/mallorca\/category\/federacio-de-mallorca-portada\/\" rel=\"category tag\">Federaci\u00f3 de Mallorca - Portada<\/a>, <a href=\"https:\/\/www.psib-psoe.org\/mallorca\/category\/portada\/\" rel=\"category tag\">Portada<\/a><\/aside>\n\t\t\t\t<h3 itemprop=\"headline\"><a href=\"https:\/\/www.psib-psoe.org\/mallorca\/els-socialistes-dalcudia-denuncien-lestafa-a-la-ciutadania-de-lequip-de-govern-municipal-amb-un-projecte-inexistent-de-reforma-de-la-residencia-de-gent-gra\/\" title=\"Els Socialistes d\u2019Alc\u00fadia denuncien \u201cl\u2019estafa a la ciutadania\u201d de l\u2019equip de govern municipal amb un projecte inexistent de reforma de la resid\u00e8ncia de gent gran.\">Els Socialistes d\u2019Alc\u00fadia denuncien \u201cl\u2019estafa a la ciutadania\u201d de l\u2019equip de govern municipal amb un projecte inexistent de reforma de la resid\u00e8ncia de gent gran.<\/a><\/h3>\n\t\t\t<\/header>\n\t\t<\/div>\n\t\t<div class=\"post-content\">\n\t\t\t<a href=\"https:\/\/www.psib-psoe.org\/mallorca\/els-socialistes-dalcudia-denuncien-lestafa-a-la-ciutadania-de-lequip-de-govern-municipal-amb-un-projecte-inexistent-de-reforma-de-la-residencia-de-gent-gra\/\" class=\"more-link\">Read More<\/a>\n\t\t<\/div>\n\t\t\t<aside class=\"post-bottom-meta hide\">\n\t\t<strong rel=\"author\" itemprop=\"author\" class=\"author vcard\"><span class=\"fn\">Albert<\/span><\/strong>\n\t\t<time class=\"date published time\" datetime=\"2025-03-21T16:41:47+02:00\" itemprop=\"datePublished\" content=\"2025-03-21T16:41:47+02:00\">21\/03\/2025<\/time>\n\t\t<meta itemprop=\"dateModified\" class=\"date updated\" content=\"2025-03-21T16:41:58+02:00\">\n\t\t<span class=\"hide\" itemprop=\"publisher\" itemscope itemtype=\"https:\/\/schema.org\/Organization\">\n\t\t\t<meta itemprop=\"name\" content=\"SocialistesdMca\">\n\t\t\t<span itemprop=\"logo\" itemscope itemtype=\"https:\/\/schema.org\/ImageObject\">\n\t\t\t\t<meta itemprop=\"url\" content=\"https:\/\/www.psib-psoe.org\/mallorca\/wp-content\/themes\/notio-wp\/assets\/img\/logo.png\">\n\t\t\t<\/span>\n\t\t\t<meta itemprop=\"url\" content=\"https:\/\/www.psib-psoe.org\/mallorca\/\">\n\t\t<\/span>\n\t\t\t\t<span class=\"hide\" itemprop=\"image\" itemscope itemtype=\"http:\/\/schema.org\/ImageObject\">\n\t\t\t<meta itemprop=\"url\" content=\"https:\/\/www.psib-psoe.org\/mallorca\/wp-content\/uploads\/Foto-Alcudia.jpg\">\n\t\t\t<meta itemprop=\"width\" content=\"2048\">\n\t\t\t<meta itemprop=\"height\" content=\"1536\">\n\t\t<\/span>\n\t\t\t\t<meta itemscope itemprop=\"mainEntityOfPage\" itemtype=\"https:\/\/schema.org\/WebPage\" itemid=\"https:\/\/www.psib-psoe.org\/mallorca\/els-socialistes-dalcudia-denuncien-lestafa-a-la-ciutadania-de-lequip-de-govern-municipal-amb-un-projecte-inexistent-de-reforma-de-la-residencia-de-gent-gra\/\">\n\t<\/aside>\n\t\t<\/article>\n<\/div>\n<div class=\"small-12 large-4 columns\">\n\t<article itemscope itemtype=\"http:\/\/schema.org\/Article\" class=\"post blog-style7 alt post-29631 type-post status-publish format-standard has-post-thumbnail hentry category-consell-de-mallorca category-federacio-de-mallorca category-federacio-de-mallorca-portada category-portada tag-amanda-fernandez tag-catalina-cladera tag-consell-de-mallorca tag-federacio-socialista-de-mallorca tag-javier-de-juan tag-psib-psoe\" role=\"article\">\n\t\t<figure class=\"post-gallery\"><img loading=\"lazy\" decoding=\"async\" width=\"600\" height=\"400\" src=\"https:\/\/www.psib-psoe.org\/mallorca\/wp-content\/uploads\/Rdp-140125-600x400.jpeg\" class=\"attachment-notio-general-x2 size-notio-general-x2 wp-post-image\" alt=\"\" srcset=\"https:\/\/www.psib-psoe.org\/mallorca\/wp-content\/uploads\/Rdp-140125-600x400.jpeg 600w, https:\/\/www.psib-psoe.org\/mallorca\/wp-content\/uploads\/Rdp-140125-300x200.jpeg 300w, https:\/\/www.psib-psoe.org\/mallorca\/wp-content\/uploads\/Rdp-140125-900x600.jpeg 900w, https:\/\/www.psib-psoe.org\/mallorca\/wp-content\/uploads\/Rdp-140125-20x13.jpeg 20w\" sizes=\"(max-width: 600px) 100vw, 600px\" \/><\/figure>\n\t\t<div class=\"blog-top\">\n\t\t\t<header class=\"post-title entry-header\">\n\t\t\t\t<aside class=\"post-meta cf\">\n\t\t21\/03\/2025 \/ <a href=\"https:\/\/www.psib-psoe.org\/mallorca\/category\/consell-de-mallorca\/\" rel=\"category tag\">Consell de Mallorca<\/a>, <a href=\"https:\/\/www.psib-psoe.org\/mallorca\/category\/federacio-de-mallorca\/\" rel=\"category tag\">Federaci\u00f3 de Mallorca<\/a>, <a href=\"https:\/\/www.psib-psoe.org\/mallorca\/category\/federacio-de-mallorca-portada\/\" rel=\"category tag\">Federaci\u00f3 de Mallorca - Portada<\/a>, <a href=\"https:\/\/www.psib-psoe.org\/mallorca\/category\/portada\/\" rel=\"category tag\">Portada<\/a><\/aside>\n\t\t\t\t<h3 itemprop=\"headline\"><a href=\"https:\/\/www.psib-psoe.org\/mallorca\/el-consell-de-mallorca-deixa-sense-executar-lequivalent-al-20-del-seu-pressupost-de-2024\/\" title=\"El Consell de Mallorca deixa sense executar l\u2019equivalent al 20% del seu pressupost de 2024.\">El Consell de Mallorca deixa sense executar l\u2019equivalent al 20% del seu pressupost de 2024.<\/a><\/h3>\n\t\t\t<\/header>\n\t\t<\/div>\n\t\t<div class=\"post-content\">\n\t\t\t<a href=\"https:\/\/www.psib-psoe.org\/mallorca\/el-consell-de-mallorca-deixa-sense-executar-lequivalent-al-20-del-seu-pressupost-de-2024\/\" class=\"more-link\">Read More<\/a>\n\t\t<\/div>\n\t\t\t<aside class=\"post-bottom-meta hide\">\n\t\t<strong rel=\"author\" itemprop=\"author\" class=\"author vcard\"><span class=\"fn\">Albert<\/span><\/strong>\n\t\t<time class=\"date published time\" datetime=\"2025-03-21T14:04:28+02:00\" itemprop=\"datePublished\" content=\"2025-03-21T14:04:28+02:00\">21\/03\/2025<\/time>\n\t\t<meta itemprop=\"dateModified\" class=\"date updated\" content=\"2025-03-21T14:06:05+02:00\">\n\t\t<span class=\"hide\" itemprop=\"publisher\" itemscope itemtype=\"https:\/\/schema.org\/Organization\">\n\t\t\t<meta itemprop=\"name\" content=\"SocialistesdMca\">\n\t\t\t<span itemprop=\"logo\" itemscope itemtype=\"https:\/\/schema.org\/ImageObject\">\n\t\t\t\t<meta itemprop=\"url\" content=\"https:\/\/www.psib-psoe.org\/mallorca\/wp-content\/themes\/notio-wp\/assets\/img\/logo.png\">\n\t\t\t<\/span>\n\t\t\t<meta itemprop=\"url\" content=\"https:\/\/www.psib-psoe.org\/mallorca\/\">\n\t\t<\/span>\n\t\t\t\t<span class=\"hide\" itemprop=\"image\" itemscope itemtype=\"http:\/\/schema.org\/ImageObject\">\n\t\t\t<meta itemprop=\"url\" content=\"https:\/\/www.psib-psoe.org\/mallorca\/wp-content\/uploads\/Rdp-140125.jpeg\">\n\t\t\t<meta itemprop=\"width\" content=\"2560\">\n\t\t\t<meta itemprop=\"height\" content=\"1920\">\n\t\t<\/span>\n\t\t\t\t<meta itemscope itemprop=\"mainEntityOfPage\" itemtype=\"https:\/\/schema.org\/WebPage\" itemid=\"https:\/\/www.psib-psoe.org\/mallorca\/el-consell-de-mallorca-deixa-sense-executar-lequivalent-al-20-del-seu-pressupost-de-2024\/\">\n\t<\/aside>\n\t\t<\/article>\n<\/div>\n<div class=\"small-12 large-4 columns\">\n\t<article itemscope itemtype=\"http:\/\/schema.org\/Article\" class=\"post blog-style7 alt post-29625 type-post status-publish format-standard has-post-thumbnail hentry category-consell-de-mallorca category-federacio-de-mallorca category-federacio-de-mallorca-portada category-portada tag-amanda-fernandez tag-anabel-mateos tag-bea-gamundi tag-catalina-cladera tag-consell-de-mallorca tag-federacio-socialista-de-mallorca tag-javier-de-juan tag-javier-fernandez tag-psib-psoe\" role=\"article\">\n\t\t<figure class=\"post-gallery\"><img loading=\"lazy\" decoding=\"async\" width=\"600\" height=\"400\" src=\"https:\/\/www.psib-psoe.org\/mallorca\/wp-content\/uploads\/Jornada-FEMP-Palma-3-600x400.jpeg\" class=\"attachment-notio-general-x2 size-notio-general-x2 wp-post-image\" alt=\"\" srcset=\"https:\/\/www.psib-psoe.org\/mallorca\/wp-content\/uploads\/Jornada-FEMP-Palma-3-600x400.jpeg 600w, https:\/\/www.psib-psoe.org\/mallorca\/wp-content\/uploads\/Jornada-FEMP-Palma-3-300x200.jpeg 300w, https:\/\/www.psib-psoe.org\/mallorca\/wp-content\/uploads\/Jornada-FEMP-Palma-3-900x600.jpeg 900w, https:\/\/www.psib-psoe.org\/mallorca\/wp-content\/uploads\/Jornada-FEMP-Palma-3-20x13.jpeg 20w\" sizes=\"(max-width: 600px) 100vw, 600px\" \/><\/figure>\n\t\t<div class=\"blog-top\">\n\t\t\t<header class=\"post-title entry-header\">\n\t\t\t\t<aside class=\"post-meta cf\">\n\t\t20\/03\/2025 \/ <a href=\"https:\/\/www.psib-psoe.org\/mallorca\/category\/consell-de-mallorca\/\" rel=\"category tag\">Consell de Mallorca<\/a>, <a href=\"https:\/\/www.psib-psoe.org\/mallorca\/category\/federacio-de-mallorca\/\" rel=\"category tag\">Federaci\u00f3 de Mallorca<\/a>, <a href=\"https:\/\/www.psib-psoe.org\/mallorca\/category\/federacio-de-mallorca-portada\/\" rel=\"category tag\">Federaci\u00f3 de Mallorca - Portada<\/a>, <a href=\"https:\/\/www.psib-psoe.org\/mallorca\/category\/portada\/\" rel=\"category tag\">Portada<\/a><\/aside>\n\t\t\t\t<h3 itemprop=\"headline\"><a href=\"https:\/\/www.psib-psoe.org\/mallorca\/els-representants-de-diputacions-cabildos-i-consells-a-la-federacio-de-municipis-es-comprometen-a-palma-a-lluitar-en-contra-de-la-involucio-dels-governs-de-dretes-a-institucions-de-tot-les\/\" title=\"Els representants de Diputacions, Cabildos i Consells a la Federaci\u00f3 de Municipis es comprometen, a Palma, a lluitar en contra de la involuci\u00f3 dels governs de dretes a institucions de tot l\u2019Estat.\">Els representants de Diputacions, Cabildos i Consells a la Federaci\u00f3 de Municipis es comprometen, a Palma, a lluitar en contra de la involuci\u00f3 dels governs de dretes a institucions de tot l\u2019Estat.<\/a><\/h3>\n\t\t\t<\/header>\n\t\t<\/div>\n\t\t<div class=\"post-content\">\n\t\t\t<a href=\"https:\/\/www.psib-psoe.org\/mallorca\/els-representants-de-diputacions-cabildos-i-consells-a-la-federacio-de-municipis-es-comprometen-a-palma-a-lluitar-en-contra-de-la-involucio-dels-governs-de-dretes-a-institucions-de-tot-les\/\" class=\"more-link\">Read More<\/a>\n\t\t<\/div>\n\t\t\t<aside class=\"post-bottom-meta hide\">\n\t\t<strong rel=\"author\" itemprop=\"author\" class=\"author vcard\"><span class=\"fn\">Albert<\/span><\/strong>\n\t\t<time class=\"date published time\" datetime=\"2025-03-20T19:25:57+02:00\" itemprop=\"datePublished\" content=\"2025-03-20T19:25:57+02:00\">20\/03\/2025<\/time>\n\t\t<meta itemprop=\"dateModified\" class=\"date updated\" content=\"2025-03-20T19:36:54+02:00\">\n\t\t<span class=\"hide\" itemprop=\"publisher\" itemscope itemtype=\"https:\/\/schema.org\/Organization\">\n\t\t\t<meta itemprop=\"name\" content=\"SocialistesdMca\">\n\t\t\t<span itemprop=\"logo\" itemscope itemtype=\"https:\/\/schema.org\/ImageObject\">\n\t\t\t\t<meta itemprop=\"url\" content=\"https:\/\/www.psib-psoe.org\/mallorca\/wp-content\/themes\/notio-wp\/assets\/img\/logo.png\">\n\t\t\t<\/span>\n\t\t\t<meta itemprop=\"url\" content=\"https:\/\/www.psib-psoe.org\/mallorca\/\">\n\t\t<\/span>\n\t\t\t\t<span class=\"hide\" itemprop=\"image\" itemscope itemtype=\"http:\/\/schema.org\/ImageObject\">\n\t\t\t<meta itemprop=\"url\" content=\"https:\/\/www.psib-psoe.org\/mallorca\/wp-content\/uploads\/Jornada-FEMP-Palma-3.jpeg\">\n\t\t\t<meta itemprop=\"width\" content=\"1600\">\n\t\t\t<meta itemprop=\"height\" content=\"1200\">\n\t\t<\/span>\n\t\t\t\t<meta itemscope itemprop=\"mainEntityOfPage\" itemtype=\"https:\/\/schema.org\/WebPage\" itemid=\"https:\/\/www.psib-psoe.org\/mallorca\/els-representants-de-diputacions-cabildos-i-consells-a-la-federacio-de-municipis-es-comprometen-a-palma-a-lluitar-en-contra-de-la-involucio-dels-governs-de-dretes-a-institucions-de-tot-les\/\">\n\t<\/aside>\n\t\t<\/article>\n<\/div>\n<div class=\"small-12 large-4 columns\">\n\t<article itemscope itemtype=\"http:\/\/schema.org\/Article\" class=\"post blog-style7 alt post-29623 type-post status-publish format-standard has-post-thumbnail hentry category-consell-de-mallorca category-federacio-de-mallorca category-federacio-de-mallorca-portada category-portada tag-amanda-fernandez tag-catalina-cladera tag-consell-de-mallorca tag-federacio-socialista-de-mallorca tag-psib-psoe tag-sofia-alonso\" role=\"article\">\n\t\t<figure class=\"post-gallery\"><img loading=\"lazy\" decoding=\"async\" width=\"600\" height=\"400\" src=\"https:\/\/www.psib-psoe.org\/mallorca\/wp-content\/uploads\/ple-090125-600x400.jpeg\" class=\"attachment-notio-general-x2 size-notio-general-x2 wp-post-image\" alt=\"\" srcset=\"https:\/\/www.psib-psoe.org\/mallorca\/wp-content\/uploads\/ple-090125-600x400.jpeg 600w, https:\/\/www.psib-psoe.org\/mallorca\/wp-content\/uploads\/ple-090125-300x200.jpeg 300w, https:\/\/www.psib-psoe.org\/mallorca\/wp-content\/uploads\/ple-090125-900x600.jpeg 900w, https:\/\/www.psib-psoe.org\/mallorca\/wp-content\/uploads\/ple-090125-20x13.jpeg 20w\" sizes=\"(max-width: 600px) 100vw, 600px\" \/><\/figure>\n\t\t<div class=\"blog-top\">\n\t\t\t<header class=\"post-title entry-header\">\n\t\t\t\t<aside class=\"post-meta cf\">\n\t\t19\/03\/2025 \/ <a href=\"https:\/\/www.psib-psoe.org\/mallorca\/category\/consell-de-mallorca\/\" rel=\"category tag\">Consell de Mallorca<\/a>, <a href=\"https:\/\/www.psib-psoe.org\/mallorca\/category\/federacio-de-mallorca\/\" rel=\"category tag\">Federaci\u00f3 de Mallorca<\/a>, <a href=\"https:\/\/www.psib-psoe.org\/mallorca\/category\/federacio-de-mallorca-portada\/\" rel=\"category tag\">Federaci\u00f3 de Mallorca - Portada<\/a>, <a href=\"https:\/\/www.psib-psoe.org\/mallorca\/category\/portada\/\" rel=\"category tag\">Portada<\/a><\/aside>\n\t\t\t\t<h3 itemprop=\"headline\"><a href=\"https:\/\/www.psib-psoe.org\/mallorca\/el-president-de-limas-no-informa-al-consell-rector-sobre-la-investigacio-de-les-denuncies-per-deixadesa-en-el-tracte-de-residents-al-centre-domusvi-can-carbonell-de-marratxi\/\" title=\"El president de l\u2019IMAS no informa al Consell Rector sobre la investigaci\u00f3 de les den\u00fancies per deixadesa en el tracte de residents al centre DomusVI Can Carbonell de Marratx\u00ed.\u00a0 \u00a0\">El president de l\u2019IMAS no informa al Consell Rector sobre la investigaci\u00f3 de les den\u00fancies per deixadesa en el tracte de residents al centre DomusVI Can Carbonell de Marratx\u00ed.\u00a0 \u00a0<\/a><\/h3>\n\t\t\t<\/header>\n\t\t<\/div>\n\t\t<div class=\"post-content\">\n\t\t\t<a href=\"https:\/\/www.psib-psoe.org\/mallorca\/el-president-de-limas-no-informa-al-consell-rector-sobre-la-investigacio-de-les-denuncies-per-deixadesa-en-el-tracte-de-residents-al-centre-domusvi-can-carbonell-de-marratxi\/\" class=\"more-link\">Read More<\/a>\n\t\t<\/div>\n\t\t\t<aside class=\"post-bottom-meta hide\">\n\t\t<strong rel=\"author\" itemprop=\"author\" class=\"author vcard\"><span class=\"fn\">Albert<\/span><\/strong>\n\t\t<time class=\"date published time\" datetime=\"2025-03-19T20:22:11+02:00\" itemprop=\"datePublished\" content=\"2025-03-19T20:22:11+02:00\">19\/03\/2025<\/time>\n\t\t<meta itemprop=\"dateModified\" class=\"date updated\" content=\"2025-03-19T20:22:22+02:00\">\n\t\t<span class=\"hide\" itemprop=\"publisher\" itemscope itemtype=\"https:\/\/schema.org\/Organization\">\n\t\t\t<meta itemprop=\"name\" content=\"SocialistesdMca\">\n\t\t\t<span itemprop=\"logo\" itemscope itemtype=\"https:\/\/schema.org\/ImageObject\">\n\t\t\t\t<meta itemprop=\"url\" content=\"https:\/\/www.psib-psoe.org\/mallorca\/wp-content\/themes\/notio-wp\/assets\/img\/logo.png\">\n\t\t\t<\/span>\n\t\t\t<meta itemprop=\"url\" content=\"https:\/\/www.psib-psoe.org\/mallorca\/\">\n\t\t<\/span>\n\t\t\t\t<span class=\"hide\" itemprop=\"image\" itemscope itemtype=\"http:\/\/schema.org\/ImageObject\">\n\t\t\t<meta itemprop=\"url\" content=\"https:\/\/www.psib-psoe.org\/mallorca\/wp-content\/uploads\/ple-090125-scaled.jpeg\">\n\t\t\t<meta itemprop=\"width\" content=\"2560\">\n\t\t\t<meta itemprop=\"height\" content=\"1920\">\n\t\t<\/span>\n\t\t\t\t<meta itemscope itemprop=\"mainEntityOfPage\" itemtype=\"https:\/\/schema.org\/WebPage\" itemid=\"https:\/\/www.psib-psoe.org\/mallorca\/el-president-de-limas-no-informa-al-consell-rector-sobre-la-investigacio-de-les-denuncies-per-deixadesa-en-el-tracte-de-residents-al-centre-domusvi-can-carbonell-de-marratxi\/\">\n\t<\/aside>\n\t\t<\/article>\n<\/div>\n<div class=\"small-12 large-4 columns\">\n\t<article itemscope itemtype=\"http:\/\/schema.org\/Article\" class=\"post blog-style7 alt post-29618 type-post status-publish format-standard has-post-thumbnail hentry category-consell-de-mallorca category-federacio-de-mallorca category-federacio-de-mallorca-portada category-portada tag-catalina-cladera tag-consell-de-mallorca tag-federacio-socialista-de-mallorca tag-javier-de-juan tag-psib-psoe\" role=\"article\">\n\t\t<figure class=\"post-gallery\"><img loading=\"lazy\" decoding=\"async\" width=\"600\" height=\"400\" src=\"https:\/\/www.psib-psoe.org\/mallorca\/wp-content\/uploads\/Roda-premsa-reclamacio-051224-1-600x400.jpeg\" class=\"attachment-notio-general-x2 size-notio-general-x2 wp-post-image\" alt=\"\" srcset=\"https:\/\/www.psib-psoe.org\/mallorca\/wp-content\/uploads\/Roda-premsa-reclamacio-051224-1-600x400.jpeg 600w, https:\/\/www.psib-psoe.org\/mallorca\/wp-content\/uploads\/Roda-premsa-reclamacio-051224-1-300x200.jpeg 300w, https:\/\/www.psib-psoe.org\/mallorca\/wp-content\/uploads\/Roda-premsa-reclamacio-051224-1-900x600.jpeg 900w, https:\/\/www.psib-psoe.org\/mallorca\/wp-content\/uploads\/Roda-premsa-reclamacio-051224-1-20x13.jpeg 20w\" sizes=\"(max-width: 600px) 100vw, 600px\" \/><\/figure>\n\t\t<div class=\"blog-top\">\n\t\t\t<header class=\"post-title entry-header\">\n\t\t\t\t<aside class=\"post-meta cf\">\n\t\t18\/03\/2025 \/ <a href=\"https:\/\/www.psib-psoe.org\/mallorca\/category\/consell-de-mallorca\/\" rel=\"category tag\">Consell de Mallorca<\/a>, <a href=\"https:\/\/www.psib-psoe.org\/mallorca\/category\/federacio-de-mallorca\/\" rel=\"category tag\">Federaci\u00f3 de Mallorca<\/a>, <a href=\"https:\/\/www.psib-psoe.org\/mallorca\/category\/federacio-de-mallorca-portada\/\" rel=\"category tag\">Federaci\u00f3 de Mallorca - Portada<\/a>, <a href=\"https:\/\/www.psib-psoe.org\/mallorca\/category\/portada\/\" rel=\"category tag\">Portada<\/a><\/aside>\n\t\t\t\t<h3 itemprop=\"headline\"><a href=\"https:\/\/www.psib-psoe.org\/mallorca\/els-socialistes-critiquen-la-manca-dhumanitat-del-pp-en-rebutjar-les-mesures-solidaries-per-acollir-menors-migrants-no-acompanyats-i-recorden-que-aquests-criteris-ajudaran-a-balears\/\" title=\"Els Socialistes critiquen la manca d\u2019humanitat del PP en rebutjar les mesures solid\u00e0ries per acollir menors migrants no acompanyats, i recorden que aquests criteris ajudaran a Balears. \u00a0\u00a0\u00a0 \u00a0\">Els Socialistes critiquen la manca d\u2019humanitat del PP en rebutjar les mesures solid\u00e0ries per acollir menors migrants no acompanyats, i recorden que aquests criteris ajudaran a Balears. \u00a0\u00a0\u00a0 \u00a0<\/a><\/h3>\n\t\t\t<\/header>\n\t\t<\/div>\n\t\t<div class=\"post-content\">\n\t\t\t<a href=\"https:\/\/www.psib-psoe.org\/mallorca\/els-socialistes-critiquen-la-manca-dhumanitat-del-pp-en-rebutjar-les-mesures-solidaries-per-acollir-menors-migrants-no-acompanyats-i-recorden-que-aquests-criteris-ajudaran-a-balears\/\" class=\"more-link\">Read More<\/a>\n\t\t<\/div>\n\t\t\t<aside class=\"post-bottom-meta hide\">\n\t\t<strong rel=\"author\" itemprop=\"author\" class=\"author vcard\"><span class=\"fn\">Albert<\/span><\/strong>\n\t\t<time class=\"date published time\" datetime=\"2025-03-18T20:28:19+02:00\" itemprop=\"datePublished\" content=\"2025-03-18T20:28:19+02:00\">18\/03\/2025<\/time>\n\t\t<meta itemprop=\"dateModified\" class=\"date updated\" content=\"2025-03-18T20:28:31+02:00\">\n\t\t<span class=\"hide\" itemprop=\"publisher\" itemscope itemtype=\"https:\/\/schema.org\/Organization\">\n\t\t\t<meta itemprop=\"name\" content=\"SocialistesdMca\">\n\t\t\t<span itemprop=\"logo\" itemscope itemtype=\"https:\/\/schema.org\/ImageObject\">\n\t\t\t\t<meta itemprop=\"url\" content=\"https:\/\/www.psib-psoe.org\/mallorca\/wp-content\/themes\/notio-wp\/assets\/img\/logo.png\">\n\t\t\t<\/span>\n\t\t\t<meta itemprop=\"url\" content=\"https:\/\/www.psib-psoe.org\/mallorca\/\">\n\t\t<\/span>\n\t\t\t\t<span class=\"hide\" itemprop=\"image\" itemscope itemtype=\"http:\/\/schema.org\/ImageObject\">\n\t\t\t<meta itemprop=\"url\" content=\"https:\/\/www.psib-psoe.org\/mallorca\/wp-content\/uploads\/Roda-premsa-reclamacio-051224-1.jpeg\">\n\t\t\t<meta itemprop=\"width\" content=\"2560\">\n\t\t\t<meta itemprop=\"height\" content=\"1920\">\n\t\t<\/span>\n\t\t\t\t<meta itemscope itemprop=\"mainEntityOfPage\" itemtype=\"https:\/\/schema.org\/WebPage\" itemid=\"https:\/\/www.psib-psoe.org\/mallorca\/els-socialistes-critiquen-la-manca-dhumanitat-del-pp-en-rebutjar-les-mesures-solidaries-per-acollir-menors-migrants-no-acompanyats-i-recorden-que-aquests-criteris-ajudaran-a-balears\/\">\n\t<\/aside>\n\t\t<\/article>\n<\/div>\n<div class=\"small-12 large-4 columns\">\n\t<article itemscope itemtype=\"http:\/\/schema.org\/Article\" class=\"post blog-style7 alt post-29615 type-post status-publish format-standard has-post-thumbnail hentry category-consell-de-mallorca category-federacio-de-mallorca category-federacio-de-mallorca-portada category-portada tag-amanda-fernandez tag-catalina-cladera tag-consell-de-mallorca tag-federacio-socialista-de-mallorca tag-maria-antonia-truyols tag-psib-psoe tag-sofia-alonso\" role=\"article\">\n\t\t<figure class=\"post-gallery\"><img loading=\"lazy\" decoding=\"async\" width=\"600\" height=\"400\" src=\"https:\/\/www.psib-psoe.org\/mallorca\/wp-content\/uploads\/041024_Sofia-Alonso-600x400.jpg\" class=\"attachment-notio-general-x2 size-notio-general-x2 wp-post-image\" alt=\"\" srcset=\"https:\/\/www.psib-psoe.org\/mallorca\/wp-content\/uploads\/041024_Sofia-Alonso-600x400.jpg 600w, https:\/\/www.psib-psoe.org\/mallorca\/wp-content\/uploads\/041024_Sofia-Alonso-300x200.jpg 300w, https:\/\/www.psib-psoe.org\/mallorca\/wp-content\/uploads\/041024_Sofia-Alonso-900x600.jpg 900w, https:\/\/www.psib-psoe.org\/mallorca\/wp-content\/uploads\/041024_Sofia-Alonso-20x13.jpg 20w\" sizes=\"(max-width: 600px) 100vw, 600px\" \/><\/figure>\n\t\t<div class=\"blog-top\">\n\t\t\t<header class=\"post-title entry-header\">\n\t\t\t\t<aside class=\"post-meta cf\">\n\t\t18\/03\/2025 \/ <a href=\"https:\/\/www.psib-psoe.org\/mallorca\/category\/consell-de-mallorca\/\" rel=\"category tag\">Consell de Mallorca<\/a>, <a href=\"https:\/\/www.psib-psoe.org\/mallorca\/category\/federacio-de-mallorca\/\" rel=\"category tag\">Federaci\u00f3 de Mallorca<\/a>, <a href=\"https:\/\/www.psib-psoe.org\/mallorca\/category\/federacio-de-mallorca-portada\/\" rel=\"category tag\">Federaci\u00f3 de Mallorca - Portada<\/a>, <a href=\"https:\/\/www.psib-psoe.org\/mallorca\/category\/portada\/\" rel=\"category tag\">Portada<\/a><\/aside>\n\t\t\t\t<h3 itemprop=\"headline\"><a href=\"https:\/\/www.psib-psoe.org\/mallorca\/el-grup-socialista-exigeix-explicacions-a-limas-per-les-preocupants-informacions-de-suposats-maltractaments-fisics-a-residents-del-centre-domusvi-can-carbonell-de-marratxi\/\" title=\"El Grup Socialista exigeix explicacions a l\u2019IMAS per les \u201cpreocupants informacions\u201d de suposats maltractaments f\u00edsics a residents del centre DomusVI Can Carbonell de Marratx\u00ed. \u00a0\u00a0\u00a0 \u00a0\">El Grup Socialista exigeix explicacions a l\u2019IMAS per les \u201cpreocupants informacions\u201d de suposats maltractaments f\u00edsics a residents del centre DomusVI Can Carbonell de Marratx\u00ed. \u00a0\u00a0\u00a0 \u00a0<\/a><\/h3>\n\t\t\t<\/header>\n\t\t<\/div>\n\t\t<div class=\"post-content\">\n\t\t\t<a href=\"https:\/\/www.psib-psoe.org\/mallorca\/el-grup-socialista-exigeix-explicacions-a-limas-per-les-preocupants-informacions-de-suposats-maltractaments-fisics-a-residents-del-centre-domusvi-can-carbonell-de-marratxi\/\" class=\"more-link\">Read More<\/a>\n\t\t<\/div>\n\t\t\t<aside class=\"post-bottom-meta hide\">\n\t\t<strong rel=\"author\" itemprop=\"author\" class=\"author vcard\"><span class=\"fn\">Albert<\/span><\/strong>\n\t\t<time class=\"date published time\" datetime=\"2025-03-18T13:54:43+02:00\" itemprop=\"datePublished\" content=\"2025-03-18T13:54:43+02:00\">18\/03\/2025<\/time>\n\t\t<meta itemprop=\"dateModified\" class=\"date updated\" content=\"2025-03-18T13:54:55+02:00\">\n\t\t<span class=\"hide\" itemprop=\"publisher\" itemscope itemtype=\"https:\/\/schema.org\/Organization\">\n\t\t\t<meta itemprop=\"name\" content=\"SocialistesdMca\">\n\t\t\t<span itemprop=\"logo\" itemscope itemtype=\"https:\/\/schema.org\/ImageObject\">\n\t\t\t\t<meta itemprop=\"url\" content=\"https:\/\/www.psib-psoe.org\/mallorca\/wp-content\/themes\/notio-wp\/assets\/img\/logo.png\">\n\t\t\t<\/span>\n\t\t\t<meta itemprop=\"url\" content=\"https:\/\/www.psib-psoe.org\/mallorca\/\">\n\t\t<\/span>\n\t\t\t\t<span class=\"hide\" itemprop=\"image\" itemscope itemtype=\"http:\/\/schema.org\/ImageObject\">\n\t\t\t<meta itemprop=\"url\" content=\"https:\/\/www.psib-psoe.org\/mallorca\/wp-content\/uploads\/041024_Sofia-Alonso.jpg\">\n\t\t\t<meta itemprop=\"width\" content=\"2902\">\n\t\t\t<meta itemprop=\"height\" content=\"2480\">\n\t\t<\/span>\n\t\t\t\t<meta itemscope itemprop=\"mainEntityOfPage\" itemtype=\"https:\/\/schema.org\/WebPage\" itemid=\"https:\/\/www.psib-psoe.org\/mallorca\/el-grup-socialista-exigeix-explicacions-a-limas-per-les-preocupants-informacions-de-suposats-maltractaments-fisics-a-residents-del-centre-domusvi-can-carbonell-de-marratxi\/\">\n\t<\/aside>\n\t\t<\/article>\n<\/div>\n<div class=\"small-12 large-4 columns\">\n\t<article itemscope itemtype=\"http:\/\/schema.org\/Article\" class=\"post blog-style7 alt post-29610 type-post status-publish format-standard has-post-thumbnail hentry category-consell-de-mallorca category-federacio-de-mallorca category-federacio-de-mallorca-portada category-portada tag-amanda-fernandez tag-andreu-serra tag-bea-gamundi tag-catalina-cladera tag-consell-de-mallorca tag-federacio-socialista-de-mallorca tag-gabriel-alomar tag-javier-de-juan tag-joan-ferrer tag-juana-m-adrover tag-maria-antonia-truyols tag-psib-psoe tag-sofia-alonso\" role=\"article\">\n\t\t<figure class=\"post-gallery\"><img loading=\"lazy\" decoding=\"async\" width=\"600\" height=\"400\" src=\"https:\/\/www.psib-psoe.org\/mallorca\/wp-content\/uploads\/241224-Ple-MC-Tirme-600x400.jpeg\" class=\"attachment-notio-general-x2 size-notio-general-x2 wp-post-image\" alt=\"\" srcset=\"https:\/\/www.psib-psoe.org\/mallorca\/wp-content\/uploads\/241224-Ple-MC-Tirme-600x400.jpeg 600w, https:\/\/www.psib-psoe.org\/mallorca\/wp-content\/uploads\/241224-Ple-MC-Tirme-300x200.jpeg 300w, https:\/\/www.psib-psoe.org\/mallorca\/wp-content\/uploads\/241224-Ple-MC-Tirme-900x600.jpeg 900w, https:\/\/www.psib-psoe.org\/mallorca\/wp-content\/uploads\/241224-Ple-MC-Tirme-20x13.jpeg 20w\" sizes=\"(max-width: 600px) 100vw, 600px\" \/><\/figure>\n\t\t<div class=\"blog-top\">\n\t\t\t<header class=\"post-title entry-header\">\n\t\t\t\t<aside class=\"post-meta cf\">\n\t\t17\/03\/2025 \/ <a href=\"https:\/\/www.psib-psoe.org\/mallorca\/category\/consell-de-mallorca\/\" rel=\"category tag\">Consell de Mallorca<\/a>, <a href=\"https:\/\/www.psib-psoe.org\/mallorca\/category\/federacio-de-mallorca\/\" rel=\"category tag\">Federaci\u00f3 de Mallorca<\/a>, <a href=\"https:\/\/www.psib-psoe.org\/mallorca\/category\/federacio-de-mallorca-portada\/\" rel=\"category tag\">Federaci\u00f3 de Mallorca - Portada<\/a>, <a href=\"https:\/\/www.psib-psoe.org\/mallorca\/category\/portada\/\" rel=\"category tag\">Portada<\/a><\/aside>\n\t\t\t\t<h3 itemprop=\"headline\"><a href=\"https:\/\/www.psib-psoe.org\/mallorca\/galmes-alenteix-lentrada-en-vigor-de-la-llei-que-limitara-lentrada-de-vehicles-a-mallorca\/\" title=\"Galm\u00e9s alenteix l&#8217;entrada en vigor de la Llei que limitar\u00e0 l&#8217;entrada de vehicles a Mallorca\u00a0 \u00a0\u00a0\u00a0 \u00a0\">Galm\u00e9s alenteix l&#8217;entrada en vigor de la Llei que limitar\u00e0 l&#8217;entrada de vehicles a Mallorca\u00a0 \u00a0\u00a0\u00a0 \u00a0<\/a><\/h3>\n\t\t\t<\/header>\n\t\t<\/div>\n\t\t<div class=\"post-content\">\n\t\t\t<a href=\"https:\/\/www.psib-psoe.org\/mallorca\/galmes-alenteix-lentrada-en-vigor-de-la-llei-que-limitara-lentrada-de-vehicles-a-mallorca\/\" class=\"more-link\">Read More<\/a>\n\t\t<\/div>\n\t\t\t<aside class=\"post-bottom-meta hide\">\n\t\t<strong rel=\"author\" itemprop=\"author\" class=\"author vcard\"><span class=\"fn\">Albert<\/span><\/strong>\n\t\t<time class=\"date published time\" datetime=\"2025-03-17T17:31:00+02:00\" itemprop=\"datePublished\" content=\"2025-03-17T17:31:00+02:00\">17\/03\/2025<\/time>\n\t\t<meta itemprop=\"dateModified\" class=\"date updated\" content=\"2025-03-17T17:31:12+02:00\">\n\t\t<span class=\"hide\" itemprop=\"publisher\" itemscope itemtype=\"https:\/\/schema.org\/Organization\">\n\t\t\t<meta itemprop=\"name\" content=\"SocialistesdMca\">\n\t\t\t<span itemprop=\"logo\" itemscope itemtype=\"https:\/\/schema.org\/ImageObject\">\n\t\t\t\t<meta itemprop=\"url\" content=\"https:\/\/www.psib-psoe.org\/mallorca\/wp-content\/themes\/notio-wp\/assets\/img\/logo.png\">\n\t\t\t<\/span>\n\t\t\t<meta itemprop=\"url\" content=\"https:\/\/www.psib-psoe.org\/mallorca\/\">\n\t\t<\/span>\n\t\t\t\t<span class=\"hide\" itemprop=\"image\" itemscope itemtype=\"http:\/\/schema.org\/ImageObject\">\n\t\t\t<meta itemprop=\"url\" content=\"https:\/\/www.psib-psoe.org\/mallorca\/wp-content\/uploads\/241224-Ple-MC-Tirme-scaled.jpeg\">\n\t\t\t<meta itemprop=\"width\" content=\"2560\">\n\t\t\t<meta itemprop=\"height\" content=\"1920\">\n\t\t<\/span>\n\t\t\t\t<meta itemscope itemprop=\"mainEntityOfPage\" itemtype=\"https:\/\/schema.org\/WebPage\" itemid=\"https:\/\/www.psib-psoe.org\/mallorca\/galmes-alenteix-lentrada-en-vigor-de-la-llei-que-limitara-lentrada-de-vehicles-a-mallorca\/\">\n\t<\/aside>\n\t\t<\/article>\n<\/div>\n<div class=\"small-12 large-4 columns\">\n\t<article itemscope itemtype=\"http:\/\/schema.org\/Article\" class=\"post blog-style7 alt post-29607 type-post status-publish format-standard has-post-thumbnail hentry category-federacio-de-mallorca category-federacio-de-mallorca-portada category-municipis category-portada tag-agrupacio-socialista-de-felanitx tag-amanda-fernandez tag-antonia-sastre tag-federacio-socialista-de-mallorca tag-felanitx tag-maria-gracia-gonzalez tag-psib-psoe\" role=\"article\">\n\t\t<figure class=\"post-gallery\"><img loading=\"lazy\" decoding=\"async\" width=\"600\" height=\"400\" src=\"https:\/\/www.psib-psoe.org\/mallorca\/wp-content\/uploads\/170325_Regidors-Felanitx-600x400.jpeg\" class=\"attachment-notio-general-x2 size-notio-general-x2 wp-post-image\" alt=\"\" srcset=\"https:\/\/www.psib-psoe.org\/mallorca\/wp-content\/uploads\/170325_Regidors-Felanitx-600x400.jpeg 600w, https:\/\/www.psib-psoe.org\/mallorca\/wp-content\/uploads\/170325_Regidors-Felanitx-300x200.jpeg 300w, https:\/\/www.psib-psoe.org\/mallorca\/wp-content\/uploads\/170325_Regidors-Felanitx-900x600.jpeg 900w, https:\/\/www.psib-psoe.org\/mallorca\/wp-content\/uploads\/170325_Regidors-Felanitx-20x13.jpeg 20w\" sizes=\"(max-width: 600px) 100vw, 600px\" \/><\/figure>\n\t\t<div class=\"blog-top\">\n\t\t\t<header class=\"post-title entry-header\">\n\t\t\t\t<aside class=\"post-meta cf\">\n\t\t17\/03\/2025 \/ <a href=\"https:\/\/www.psib-psoe.org\/mallorca\/category\/federacio-de-mallorca\/\" rel=\"category tag\">Federaci\u00f3 de Mallorca<\/a>, <a href=\"https:\/\/www.psib-psoe.org\/mallorca\/category\/federacio-de-mallorca-portada\/\" rel=\"category tag\">Federaci\u00f3 de Mallorca - Portada<\/a>, <a href=\"https:\/\/www.psib-psoe.org\/mallorca\/category\/municipis\/\" rel=\"category tag\">Municipis<\/a>, <a href=\"https:\/\/www.psib-psoe.org\/mallorca\/category\/portada\/\" rel=\"category tag\">Portada<\/a><\/aside>\n\t\t\t\t<h3 itemprop=\"headline\"><a href=\"https:\/\/www.psib-psoe.org\/mallorca\/els-socialistes-de-felanitx-denuncien-la-falta-de-transparencia-i-previsio-de-lajuntament-per-solucionar-el-problema-de-laigua-que-te-el-poble-des-de-fa-dies\/\" title=\"Els Socialistes de Felanitx denuncien la falta de transpar\u00e8ncia i previsi\u00f3 de l\u2019Ajuntament per solucionar el problema de l\u2019aigua que t\u00e9 el poble des de fa dies\">Els Socialistes de Felanitx denuncien la falta de transpar\u00e8ncia i previsi\u00f3 de l\u2019Ajuntament per solucionar el problema de l\u2019aigua que t\u00e9 el poble des de fa dies<\/a><\/h3>\n\t\t\t<\/header>\n\t\t<\/div>\n\t\t<div class=\"post-content\">\n\t\t\t<a href=\"https:\/\/www.psib-psoe.org\/mallorca\/els-socialistes-de-felanitx-denuncien-la-falta-de-transparencia-i-previsio-de-lajuntament-per-solucionar-el-problema-de-laigua-que-te-el-poble-des-de-fa-dies\/\" class=\"more-link\">Read More<\/a>\n\t\t<\/div>\n\t\t\t<aside class=\"post-bottom-meta hide\">\n\t\t<strong rel=\"author\" itemprop=\"author\" class=\"author vcard\"><span class=\"fn\">Albert<\/span><\/strong>\n\t\t<time class=\"date published time\" datetime=\"2025-03-17T14:09:49+02:00\" itemprop=\"datePublished\" content=\"2025-03-17T14:09:49+02:00\">17\/03\/2025<\/time>\n\t\t<meta itemprop=\"dateModified\" class=\"date updated\" content=\"2025-03-17T14:10:01+02:00\">\n\t\t<span class=\"hide\" itemprop=\"publisher\" itemscope itemtype=\"https:\/\/schema.org\/Organization\">\n\t\t\t<meta itemprop=\"name\" content=\"SocialistesdMca\">\n\t\t\t<span itemprop=\"logo\" itemscope itemtype=\"https:\/\/schema.org\/ImageObject\">\n\t\t\t\t<meta itemprop=\"url\" content=\"https:\/\/www.psib-psoe.org\/mallorca\/wp-content\/themes\/notio-wp\/assets\/img\/logo.png\">\n\t\t\t<\/span>\n\t\t\t<meta itemprop=\"url\" content=\"https:\/\/www.psib-psoe.org\/mallorca\/\">\n\t\t<\/span>\n\t\t\t\t<span class=\"hide\" itemprop=\"image\" itemscope itemtype=\"http:\/\/schema.org\/ImageObject\">\n\t\t\t<meta itemprop=\"url\" content=\"https:\/\/www.psib-psoe.org\/mallorca\/wp-content\/uploads\/170325_Regidors-Felanitx.jpeg\">\n\t\t\t<meta itemprop=\"width\" content=\"1600\">\n\t\t\t<meta itemprop=\"height\" content=\"1200\">\n\t\t<\/span>\n\t\t\t\t<meta itemscope itemprop=\"mainEntityOfPage\" itemtype=\"https:\/\/schema.org\/WebPage\" itemid=\"https:\/\/www.psib-psoe.org\/mallorca\/els-socialistes-de-felanitx-denuncien-la-falta-de-transparencia-i-previsio-de-lajuntament-per-solucionar-el-problema-de-laigua-que-te-el-poble-des-de-fa-dies\/\">\n\t<\/aside>\n\t\t<\/article>\n<\/div>\n<div class=\"small-12 large-4 columns\">\n\t<article itemscope itemtype=\"http:\/\/schema.org\/Article\" class=\"post blog-style7 alt post-29604 type-post status-publish format-standard has-post-thumbnail hentry category-federacio-de-mallorca category-federacio-de-mallorca-portada category-municipis category-portada tag-agrupacio-socialista-de-son-servera tag-amanda-fernandez tag-antonia-sastre tag-catalina-cladera tag-federacio-socialista-de-mallorca tag-javier-de-juan tag-jose-luis-ruiz tag-psib-psoe tag-reme-canadas\" role=\"article\">\n\t\t<figure class=\"post-gallery\"><img loading=\"lazy\" decoding=\"async\" width=\"600\" height=\"400\" src=\"https:\/\/www.psib-psoe.org\/mallorca\/wp-content\/uploads\/Passeig-Son-Servera-verd-2-600x400.jpeg\" class=\"attachment-notio-general-x2 size-notio-general-x2 wp-post-image\" alt=\"\" srcset=\"https:\/\/www.psib-psoe.org\/mallorca\/wp-content\/uploads\/Passeig-Son-Servera-verd-2-600x400.jpeg 600w, https:\/\/www.psib-psoe.org\/mallorca\/wp-content\/uploads\/Passeig-Son-Servera-verd-2-300x200.jpeg 300w, https:\/\/www.psib-psoe.org\/mallorca\/wp-content\/uploads\/Passeig-Son-Servera-verd-2-900x600.jpeg 900w, https:\/\/www.psib-psoe.org\/mallorca\/wp-content\/uploads\/Passeig-Son-Servera-verd-2-20x13.jpeg 20w\" sizes=\"(max-width: 600px) 100vw, 600px\" \/><\/figure>\n\t\t<div class=\"blog-top\">\n\t\t\t<header class=\"post-title entry-header\">\n\t\t\t\t<aside class=\"post-meta cf\">\n\t\t16\/03\/2025 \/ <a href=\"https:\/\/www.psib-psoe.org\/mallorca\/category\/federacio-de-mallorca\/\" rel=\"category tag\">Federaci\u00f3 de Mallorca<\/a>, <a href=\"https:\/\/www.psib-psoe.org\/mallorca\/category\/federacio-de-mallorca-portada\/\" rel=\"category tag\">Federaci\u00f3 de Mallorca - Portada<\/a>, <a href=\"https:\/\/www.psib-psoe.org\/mallorca\/category\/municipis\/\" rel=\"category tag\">Municipis<\/a>, <a href=\"https:\/\/www.psib-psoe.org\/mallorca\/category\/portada\/\" rel=\"category tag\">Portada<\/a><\/aside>\n\t\t\t\t<h3 itemprop=\"headline\"><a href=\"https:\/\/www.psib-psoe.org\/mallorca\/les-denuncies-dels-socialistes-de-son-servera-i-dels-veins-forcen-lajuntament-a-la-retirada-de-la-pintura-verda-del-mur-del-passeig-de-la-platja-de-cala-millor\/\" title=\"Les den\u00fancies dels Socialistes de Son Servera i dels ve\u00efns forcen l\u2019Ajuntament a la retirada de la pintura verda del mur del passeig de la platja de Cala Millor.\">Les den\u00fancies dels Socialistes de Son Servera i dels ve\u00efns forcen l\u2019Ajuntament a la retirada de la pintura verda del mur del passeig de la platja de Cala Millor.<\/a><\/h3>\n\t\t\t<\/header>\n\t\t<\/div>\n\t\t<div class=\"post-content\">\n\t\t\t<a href=\"https:\/\/www.psib-psoe.org\/mallorca\/les-denuncies-dels-socialistes-de-son-servera-i-dels-veins-forcen-lajuntament-a-la-retirada-de-la-pintura-verda-del-mur-del-passeig-de-la-platja-de-cala-millor\/\" class=\"more-link\">Read More<\/a>\n\t\t<\/div>\n\t\t\t<aside class=\"post-bottom-meta hide\">\n\t\t<strong rel=\"author\" itemprop=\"author\" class=\"author vcard\"><span class=\"fn\">Albert<\/span><\/strong>\n\t\t<time class=\"date published time\" datetime=\"2025-03-16T11:03:51+02:00\" itemprop=\"datePublished\" content=\"2025-03-16T11:03:51+02:00\">16\/03\/2025<\/time>\n\t\t<meta itemprop=\"dateModified\" class=\"date updated\" content=\"2025-03-16T11:04:02+02:00\">\n\t\t<span class=\"hide\" itemprop=\"publisher\" itemscope itemtype=\"https:\/\/schema.org\/Organization\">\n\t\t\t<meta itemprop=\"name\" content=\"SocialistesdMca\">\n\t\t\t<span itemprop=\"logo\" itemscope itemtype=\"https:\/\/schema.org\/ImageObject\">\n\t\t\t\t<meta itemprop=\"url\" content=\"https:\/\/www.psib-psoe.org\/mallorca\/wp-content\/themes\/notio-wp\/assets\/img\/logo.png\">\n\t\t\t<\/span>\n\t\t\t<meta itemprop=\"url\" content=\"https:\/\/www.psib-psoe.org\/mallorca\/\">\n\t\t<\/span>\n\t\t\t\t<span class=\"hide\" itemprop=\"image\" itemscope itemtype=\"http:\/\/schema.org\/ImageObject\">\n\t\t\t<meta itemprop=\"url\" content=\"https:\/\/www.psib-psoe.org\/mallorca\/wp-content\/uploads\/Passeig-Son-Servera-verd-2.jpeg\">\n\t\t\t<meta itemprop=\"width\" content=\"1200\">\n\t\t\t<meta itemprop=\"height\" content=\"1600\">\n\t\t<\/span>\n\t\t\t\t<meta itemscope itemprop=\"mainEntityOfPage\" itemtype=\"https:\/\/schema.org\/WebPage\" itemid=\"https:\/\/www.psib-psoe.org\/mallorca\/les-denuncies-dels-socialistes-de-son-servera-i-dels-veins-forcen-lajuntament-a-la-retirada-de-la-pintura-verda-del-mur-del-passeig-de-la-platja-de-cala-millor\/\">\n\t<\/aside>\n\t\t<\/article>\n<\/div>\n<div class=\"small-12 large-4 columns\">\n\t<article itemscope itemtype=\"http:\/\/schema.org\/Article\" class=\"post blog-style7 alt post-29600 type-post status-publish format-standard has-post-thumbnail hentry category-consell-de-mallorca category-federacio-de-mallorca category-federacio-de-mallorca-portada category-portada tag-andreu-serra tag-bea-gamundi tag-catalina-cladera tag-consell-de-mallorca tag-federacio-socialista-de-mallorca tag-gabriel-alomar tag-javier-de-juan tag-joan-ferrer tag-juana-m-adrover tag-maria-antonia-truyols tag-psib-psoe tag-sofia-alonso\" role=\"article\">\n\t\t<figure class=\"post-gallery\"><img loading=\"lazy\" decoding=\"async\" width=\"600\" height=\"400\" src=\"https:\/\/www.psib-psoe.org\/mallorca\/wp-content\/uploads\/Grup-ple-1-600x400.jpeg\" class=\"attachment-notio-general-x2 size-notio-general-x2 wp-post-image\" alt=\"\" srcset=\"https:\/\/www.psib-psoe.org\/mallorca\/wp-content\/uploads\/Grup-ple-1-600x400.jpeg 600w, https:\/\/www.psib-psoe.org\/mallorca\/wp-content\/uploads\/Grup-ple-1-300x200.jpeg 300w, https:\/\/www.psib-psoe.org\/mallorca\/wp-content\/uploads\/Grup-ple-1-900x600.jpeg 900w, https:\/\/www.psib-psoe.org\/mallorca\/wp-content\/uploads\/Grup-ple-1-20x13.jpeg 20w\" sizes=\"(max-width: 600px) 100vw, 600px\" \/><\/figure>\n\t\t<div class=\"blog-top\">\n\t\t\t<header class=\"post-title entry-header\">\n\t\t\t\t<aside class=\"post-meta cf\">\n\t\t13\/03\/2025 \/ <a href=\"https:\/\/www.psib-psoe.org\/mallorca\/category\/consell-de-mallorca\/\" rel=\"category tag\">Consell de Mallorca<\/a>, <a href=\"https:\/\/www.psib-psoe.org\/mallorca\/category\/federacio-de-mallorca\/\" rel=\"category tag\">Federaci\u00f3 de Mallorca<\/a>, <a href=\"https:\/\/www.psib-psoe.org\/mallorca\/category\/federacio-de-mallorca-portada\/\" rel=\"category tag\">Federaci\u00f3 de Mallorca - Portada<\/a>, <a href=\"https:\/\/www.psib-psoe.org\/mallorca\/category\/portada\/\" rel=\"category tag\">Portada<\/a><\/aside>\n\t\t\t\t<h3 itemprop=\"headline\"><a href=\"https:\/\/www.psib-psoe.org\/mallorca\/el-pp-torna-a-defensar-la-continuitat-de-la-portaveu-nuria-riera-al-consell-malgrat-no-acreditar-la-seva-compatibilitat-per-exercir-el-carrec\/\" title=\"El PP torna a defensar la continu\u00eftat de la portaveu N\u00faria Riera, al Consell, malgrat no acreditar la seva compatibilitat per exercir el c\u00e0rrec.\u00a0\u00a0\u00a0 \u00a0\u00a0\u00a0 \u00a0\">El PP torna a defensar la continu\u00eftat de la portaveu N\u00faria Riera, al Consell, malgrat no acreditar la seva compatibilitat per exercir el c\u00e0rrec.\u00a0\u00a0\u00a0 \u00a0\u00a0\u00a0 \u00a0<\/a><\/h3>\n\t\t\t<\/header>\n\t\t<\/div>\n\t\t<div class=\"post-content\">\n\t\t\t<a href=\"https:\/\/www.psib-psoe.org\/mallorca\/el-pp-torna-a-defensar-la-continuitat-de-la-portaveu-nuria-riera-al-consell-malgrat-no-acreditar-la-seva-compatibilitat-per-exercir-el-carrec\/\" class=\"more-link\">Read More<\/a>\n\t\t<\/div>\n\t\t\t<aside class=\"post-bottom-meta hide\">\n\t\t<strong rel=\"author\" itemprop=\"author\" class=\"author vcard\"><span class=\"fn\">Albert<\/span><\/strong>\n\t\t<time class=\"date published time\" datetime=\"2025-03-13T18:12:01+02:00\" itemprop=\"datePublished\" content=\"2025-03-13T18:12:01+02:00\">13\/03\/2025<\/time>\n\t\t<meta itemprop=\"dateModified\" class=\"date updated\" content=\"2025-03-13T18:12:13+02:00\">\n\t\t<span class=\"hide\" itemprop=\"publisher\" itemscope itemtype=\"https:\/\/schema.org\/Organization\">\n\t\t\t<meta itemprop=\"name\" content=\"SocialistesdMca\">\n\t\t\t<span itemprop=\"logo\" itemscope itemtype=\"https:\/\/schema.org\/ImageObject\">\n\t\t\t\t<meta itemprop=\"url\" content=\"https:\/\/www.psib-psoe.org\/mallorca\/wp-content\/themes\/notio-wp\/assets\/img\/logo.png\">\n\t\t\t<\/span>\n\t\t\t<meta itemprop=\"url\" content=\"https:\/\/www.psib-psoe.org\/mallorca\/\">\n\t\t<\/span>\n\t\t\t\t<span class=\"hide\" itemprop=\"image\" itemscope itemtype=\"http:\/\/schema.org\/ImageObject\">\n\t\t\t<meta itemprop=\"url\" content=\"https:\/\/www.psib-psoe.org\/mallorca\/wp-content\/uploads\/Grup-ple-1-scaled.jpeg\">\n\t\t\t<meta itemprop=\"width\" content=\"2560\">\n\t\t\t<meta itemprop=\"height\" content=\"1920\">\n\t\t<\/span>\n\t\t\t\t<meta itemscope itemprop=\"mainEntityOfPage\" itemtype=\"https:\/\/schema.org\/WebPage\" itemid=\"https:\/\/www.psib-psoe.org\/mallorca\/el-pp-torna-a-defensar-la-continuitat-de-la-portaveu-nuria-riera-al-consell-malgrat-no-acreditar-la-seva-compatibilitat-per-exercir-el-carrec\/\">\n\t<\/aside>\n\t\t<\/article>\n<\/div>\n<div class=\"small-12 large-4 columns\">\n\t<article itemscope itemtype=\"http:\/\/schema.org\/Article\" class=\"post blog-style7 alt post-29594 type-post status-publish format-standard has-post-thumbnail hentry category-federacio-de-mallorca category-federacio-de-mallorca-portada category-portada tag-amanda-fernandez tag-catalina-cladera tag-federacio-socialista-de-mallorca tag-fsm tag-javier-de-juan tag-psib-psoe\" role=\"article\">\n\t\t<figure class=\"post-gallery\"><img loading=\"lazy\" decoding=\"async\" width=\"600\" height=\"400\" src=\"https:\/\/www.psib-psoe.org\/mallorca\/wp-content\/uploads\/Rdp-080125-1-600x400.jpeg\" class=\"attachment-notio-general-x2 size-notio-general-x2 wp-post-image\" alt=\"\" srcset=\"https:\/\/www.psib-psoe.org\/mallorca\/wp-content\/uploads\/Rdp-080125-1-600x400.jpeg 600w, https:\/\/www.psib-psoe.org\/mallorca\/wp-content\/uploads\/Rdp-080125-1-300x200.jpeg 300w, https:\/\/www.psib-psoe.org\/mallorca\/wp-content\/uploads\/Rdp-080125-1-900x600.jpeg 900w, https:\/\/www.psib-psoe.org\/mallorca\/wp-content\/uploads\/Rdp-080125-1-20x13.jpeg 20w\" sizes=\"(max-width: 600px) 100vw, 600px\" \/><\/figure>\n\t\t<div class=\"blog-top\">\n\t\t\t<header class=\"post-title entry-header\">\n\t\t\t\t<aside class=\"post-meta cf\">\n\t\t12\/03\/2025 \/ <a href=\"https:\/\/www.psib-psoe.org\/mallorca\/category\/federacio-de-mallorca\/\" rel=\"category tag\">Federaci\u00f3 de Mallorca<\/a>, <a href=\"https:\/\/www.psib-psoe.org\/mallorca\/category\/federacio-de-mallorca-portada\/\" rel=\"category tag\">Federaci\u00f3 de Mallorca - Portada<\/a>, <a href=\"https:\/\/www.psib-psoe.org\/mallorca\/category\/portada\/\" rel=\"category tag\">Portada<\/a><\/aside>\n\t\t\t\t<h3 itemprop=\"headline\"><a href=\"https:\/\/www.psib-psoe.org\/mallorca\/cladera-galmes-es-un-president-absent-que-mante-el-consell-de-mallorca-paralitzat\/\" title=\"Cladera: \u201cGalm\u00e9s \u00e9s un president absent, que mant\u00e9 el Consell de Mallorca paralitzat\u201d.\">Cladera: \u201cGalm\u00e9s \u00e9s un president absent, que mant\u00e9 el Consell de Mallorca paralitzat\u201d.<\/a><\/h3>\n\t\t\t<\/header>\n\t\t<\/div>\n\t\t<div class=\"post-content\">\n\t\t\t<a href=\"https:\/\/www.psib-psoe.org\/mallorca\/cladera-galmes-es-un-president-absent-que-mante-el-consell-de-mallorca-paralitzat\/\" class=\"more-link\">Read More<\/a>\n\t\t<\/div>\n\t\t\t<aside class=\"post-bottom-meta hide\">\n\t\t<strong rel=\"author\" itemprop=\"author\" class=\"author vcard\"><span class=\"fn\">Albert<\/span><\/strong>\n\t\t<time class=\"date published time\" datetime=\"2025-03-12T15:43:29+02:00\" itemprop=\"datePublished\" content=\"2025-03-12T15:43:29+02:00\">12\/03\/2025<\/time>\n\t\t<meta itemprop=\"dateModified\" class=\"date updated\" content=\"2025-03-12T15:43:41+02:00\">\n\t\t<span class=\"hide\" itemprop=\"publisher\" itemscope itemtype=\"https:\/\/schema.org\/Organization\">\n\t\t\t<meta itemprop=\"name\" content=\"SocialistesdMca\">\n\t\t\t<span itemprop=\"logo\" itemscope itemtype=\"https:\/\/schema.org\/ImageObject\">\n\t\t\t\t<meta itemprop=\"url\" content=\"https:\/\/www.psib-psoe.org\/mallorca\/wp-content\/themes\/notio-wp\/assets\/img\/logo.png\">\n\t\t\t<\/span>\n\t\t\t<meta itemprop=\"url\" content=\"https:\/\/www.psib-psoe.org\/mallorca\/\">\n\t\t<\/span>\n\t\t\t\t<span class=\"hide\" itemprop=\"image\" itemscope itemtype=\"http:\/\/schema.org\/ImageObject\">\n\t\t\t<meta itemprop=\"url\" content=\"https:\/\/www.psib-psoe.org\/mallorca\/wp-content\/uploads\/Rdp-080125-1.jpeg\">\n\t\t\t<meta itemprop=\"width\" content=\"2560\">\n\t\t\t<meta itemprop=\"height\" content=\"1949\">\n\t\t<\/span>\n\t\t\t\t<meta itemscope itemprop=\"mainEntityOfPage\" itemtype=\"https:\/\/schema.org\/WebPage\" itemid=\"https:\/\/www.psib-psoe.org\/mallorca\/cladera-galmes-es-un-president-absent-que-mante-el-consell-de-mallorca-paralitzat\/\">\n\t<\/aside>\n\t\t<\/article>\n<\/div>\n<div class=\"small-12 large-4 columns\">\n\t<article itemscope itemtype=\"http:\/\/schema.org\/Article\" class=\"post blog-style7 alt post-29591 type-post status-publish format-standard has-post-thumbnail hentry category-15e-congres-fsm category-federacio-de-mallorca category-federacio-de-mallorca-portada category-portada tag-amanda-fernandez tag-catalina-cladera tag-federacio-socialista-de-mallorca tag-fsm tag-psib-psoe\" role=\"article\">\n\t\t<figure class=\"post-gallery\"><img loading=\"lazy\" decoding=\"async\" width=\"600\" height=\"400\" src=\"https:\/\/www.psib-psoe.org\/mallorca\/wp-content\/uploads\/IMG_2473-600x400.jpg\" class=\"attachment-notio-general-x2 size-notio-general-x2 wp-post-image\" alt=\"\" srcset=\"https:\/\/www.psib-psoe.org\/mallorca\/wp-content\/uploads\/IMG_2473-600x400.jpg 600w, https:\/\/www.psib-psoe.org\/mallorca\/wp-content\/uploads\/IMG_2473-300x200.jpg 300w, https:\/\/www.psib-psoe.org\/mallorca\/wp-content\/uploads\/IMG_2473-900x600.jpg 900w, https:\/\/www.psib-psoe.org\/mallorca\/wp-content\/uploads\/IMG_2473-20x13.jpg 20w\" sizes=\"(max-width: 600px) 100vw, 600px\" \/><\/figure>\n\t\t<div class=\"blog-top\">\n\t\t\t<header class=\"post-title entry-header\">\n\t\t\t\t<aside class=\"post-meta cf\">\n\t\t11\/03\/2025 \/ <a href=\"https:\/\/www.psib-psoe.org\/mallorca\/category\/15e-congres-fsm\/\" rel=\"category tag\">15\u00e8 Congr\u00e9s FSM<\/a>, <a href=\"https:\/\/www.psib-psoe.org\/mallorca\/category\/federacio-de-mallorca\/\" rel=\"category tag\">Federaci\u00f3 de Mallorca<\/a>, <a href=\"https:\/\/www.psib-psoe.org\/mallorca\/category\/federacio-de-mallorca-portada\/\" rel=\"category tag\">Federaci\u00f3 de Mallorca - Portada<\/a>, <a href=\"https:\/\/www.psib-psoe.org\/mallorca\/category\/portada\/\" rel=\"category tag\">Portada<\/a><\/aside>\n\t\t\t\t<h3 itemprop=\"headline\"><a href=\"https:\/\/www.psib-psoe.org\/mallorca\/la-federacio-socialista-de-mallorca-recull-el-sentir-del-sector-primari-de-mallorca-i-es-compromet-a-fomentar-lo-i-a-potenciar-el-producte-local\/\" title=\"La Federaci\u00f3 Socialista de Mallorca recull el sentir del sector primari de Mallorca i es compromet a fomentar-lo i a potenciar el producte local\">La Federaci\u00f3 Socialista de Mallorca recull el sentir del sector primari de Mallorca i es compromet a fomentar-lo i a potenciar el producte local<\/a><\/h3>\n\t\t\t<\/header>\n\t\t<\/div>\n\t\t<div class=\"post-content\">\n\t\t\t<a href=\"https:\/\/www.psib-psoe.org\/mallorca\/la-federacio-socialista-de-mallorca-recull-el-sentir-del-sector-primari-de-mallorca-i-es-compromet-a-fomentar-lo-i-a-potenciar-el-producte-local\/\" class=\"more-link\">Read More<\/a>\n\t\t<\/div>\n\t\t\t<aside class=\"post-bottom-meta hide\">\n\t\t<strong rel=\"author\" itemprop=\"author\" class=\"author vcard\"><span class=\"fn\">Albert<\/span><\/strong>\n\t\t<time class=\"date published time\" datetime=\"2025-03-11T20:56:04+02:00\" itemprop=\"datePublished\" content=\"2025-03-11T20:56:04+02:00\">11\/03\/2025<\/time>\n\t\t<meta itemprop=\"dateModified\" class=\"date updated\" content=\"2025-03-11T20:56:16+02:00\">\n\t\t<span class=\"hide\" itemprop=\"publisher\" itemscope itemtype=\"https:\/\/schema.org\/Organization\">\n\t\t\t<meta itemprop=\"name\" content=\"SocialistesdMca\">\n\t\t\t<span itemprop=\"logo\" itemscope itemtype=\"https:\/\/schema.org\/ImageObject\">\n\t\t\t\t<meta itemprop=\"url\" content=\"https:\/\/www.psib-psoe.org\/mallorca\/wp-content\/themes\/notio-wp\/assets\/img\/logo.png\">\n\t\t\t<\/span>\n\t\t\t<meta itemprop=\"url\" content=\"https:\/\/www.psib-psoe.org\/mallorca\/\">\n\t\t<\/span>\n\t\t\t\t<span class=\"hide\" itemprop=\"image\" itemscope itemtype=\"http:\/\/schema.org\/ImageObject\">\n\t\t\t<meta itemprop=\"url\" content=\"https:\/\/www.psib-psoe.org\/mallorca\/wp-content\/uploads\/IMG_2473-scaled.jpg\">\n\t\t\t<meta itemprop=\"width\" content=\"2560\">\n\t\t\t<meta itemprop=\"height\" content=\"1920\">\n\t\t<\/span>\n\t\t\t\t<meta itemscope itemprop=\"mainEntityOfPage\" itemtype=\"https:\/\/schema.org\/WebPage\" itemid=\"https:\/\/www.psib-psoe.org\/mallorca\/la-federacio-socialista-de-mallorca-recull-el-sentir-del-sector-primari-de-mallorca-i-es-compromet-a-fomentar-lo-i-a-potenciar-el-producte-local\/\">\n\t<\/aside>\n\t\t<\/article>\n<\/div>\n<div class=\"small-12 large-4 columns\">\n\t<article itemscope itemtype=\"http:\/\/schema.org\/Article\" class=\"post blog-style7 alt post-29588 type-post status-publish format-standard has-post-thumbnail hentry category-federacio-de-mallorca category-federacio-de-mallorca-portada category-municipis category-portada tag-ariany tag-bea-gamundi tag-catalina-cladera tag-federacio-socialista-de-mallorca tag-joan-ferrer tag-pau-llado tag-psib-psoe\" role=\"article\">\n\t\t<figure class=\"post-gallery\"><img loading=\"lazy\" decoding=\"async\" width=\"600\" height=\"400\" src=\"https:\/\/www.psib-psoe.org\/mallorca\/wp-content\/uploads\/110325_Foto-Grup-Vial-Civic-Ariany-600x400.jpg\" class=\"attachment-notio-general-x2 size-notio-general-x2 wp-post-image\" alt=\"\" srcset=\"https:\/\/www.psib-psoe.org\/mallorca\/wp-content\/uploads\/110325_Foto-Grup-Vial-Civic-Ariany-600x400.jpg 600w, https:\/\/www.psib-psoe.org\/mallorca\/wp-content\/uploads\/110325_Foto-Grup-Vial-Civic-Ariany-300x200.jpg 300w, https:\/\/www.psib-psoe.org\/mallorca\/wp-content\/uploads\/110325_Foto-Grup-Vial-Civic-Ariany-900x600.jpg 900w, https:\/\/www.psib-psoe.org\/mallorca\/wp-content\/uploads\/110325_Foto-Grup-Vial-Civic-Ariany-20x13.jpg 20w\" sizes=\"(max-width: 600px) 100vw, 600px\" \/><\/figure>\n\t\t<div class=\"blog-top\">\n\t\t\t<header class=\"post-title entry-header\">\n\t\t\t\t<aside class=\"post-meta cf\">\n\t\t11\/03\/2025 \/ <a href=\"https:\/\/www.psib-psoe.org\/mallorca\/category\/federacio-de-mallorca\/\" rel=\"category tag\">Federaci\u00f3 de Mallorca<\/a>, <a href=\"https:\/\/www.psib-psoe.org\/mallorca\/category\/federacio-de-mallorca-portada\/\" rel=\"category tag\">Federaci\u00f3 de Mallorca - Portada<\/a>, <a href=\"https:\/\/www.psib-psoe.org\/mallorca\/category\/municipis\/\" rel=\"category tag\">Municipis<\/a>, <a href=\"https:\/\/www.psib-psoe.org\/mallorca\/category\/portada\/\" rel=\"category tag\">Portada<\/a><\/aside>\n\t\t\t\t<h3 itemprop=\"headline\"><a href=\"https:\/\/www.psib-psoe.org\/mallorca\/els-socialistes-dariany-reclamen-al-consell-de-mallorca-la-construccio-del-vial-civic-a-la-ma-3341\/\" title=\"Els Socialistes d\u2019Ariany reclamen al Consell de Mallorca la construcci\u00f3 del Vial C\u00edvic a la MA-3341\">Els Socialistes d\u2019Ariany reclamen al Consell de Mallorca la construcci\u00f3 del Vial C\u00edvic a la MA-3341<\/a><\/h3>\n\t\t\t<\/header>\n\t\t<\/div>\n\t\t<div class=\"post-content\">\n\t\t\t<a href=\"https:\/\/www.psib-psoe.org\/mallorca\/els-socialistes-dariany-reclamen-al-consell-de-mallorca-la-construccio-del-vial-civic-a-la-ma-3341\/\" class=\"more-link\">Read More<\/a>\n\t\t<\/div>\n\t\t\t<aside class=\"post-bottom-meta hide\">\n\t\t<strong rel=\"author\" itemprop=\"author\" class=\"author vcard\"><span class=\"fn\">Albert<\/span><\/strong>\n\t\t<time class=\"date published time\" datetime=\"2025-03-11T17:23:09+02:00\" itemprop=\"datePublished\" content=\"2025-03-11T17:23:09+02:00\">11\/03\/2025<\/time>\n\t\t<meta itemprop=\"dateModified\" class=\"date updated\" content=\"2025-03-11T17:23:21+02:00\">\n\t\t<span class=\"hide\" itemprop=\"publisher\" itemscope itemtype=\"https:\/\/schema.org\/Organization\">\n\t\t\t<meta itemprop=\"name\" content=\"SocialistesdMca\">\n\t\t\t<span itemprop=\"logo\" itemscope itemtype=\"https:\/\/schema.org\/ImageObject\">\n\t\t\t\t<meta itemprop=\"url\" content=\"https:\/\/www.psib-psoe.org\/mallorca\/wp-content\/themes\/notio-wp\/assets\/img\/logo.png\">\n\t\t\t<\/span>\n\t\t\t<meta itemprop=\"url\" content=\"https:\/\/www.psib-psoe.org\/mallorca\/\">\n\t\t<\/span>\n\t\t\t\t<span class=\"hide\" itemprop=\"image\" itemscope itemtype=\"http:\/\/schema.org\/ImageObject\">\n\t\t\t<meta itemprop=\"url\" content=\"https:\/\/www.psib-psoe.org\/mallorca\/wp-content\/uploads\/110325_Foto-Grup-Vial-Civic-Ariany-scaled.jpg\">\n\t\t\t<meta itemprop=\"width\" content=\"2560\">\n\t\t\t<meta itemprop=\"height\" content=\"1920\">\n\t\t<\/span>\n\t\t\t\t<meta itemscope itemprop=\"mainEntityOfPage\" itemtype=\"https:\/\/schema.org\/WebPage\" itemid=\"https:\/\/www.psib-psoe.org\/mallorca\/els-socialistes-dariany-reclamen-al-consell-de-mallorca-la-construccio-del-vial-civic-a-la-ma-3341\/\">\n\t<\/aside>\n\t\t<\/article>\n<\/div>\n<div class=\"small-12 large-4 columns\">\n\t<article itemscope itemtype=\"http:\/\/schema.org\/Article\" class=\"post blog-style7 alt post-29583 type-post status-publish format-standard has-post-thumbnail hentry category-federacio-de-mallorca category-federacio-de-mallorca-portada category-municipis category-portada tag-andreu-serra tag-bea-gamundi tag-catalina-cladera tag-federacio-socialista-de-mallorca tag-javier-de-juan tag-joan-ferrer tag-juana-m-adrover tag-maria-antonia-truyols tag-psib-psoe tag-sofia-alonso\" role=\"article\">\n\t\t<figure class=\"post-gallery\"><img loading=\"lazy\" decoding=\"async\" width=\"600\" height=\"400\" src=\"https:\/\/www.psib-psoe.org\/mallorca\/wp-content\/uploads\/Ple-121224-600x400.jpeg\" class=\"attachment-notio-general-x2 size-notio-general-x2 wp-post-image\" alt=\"\" srcset=\"https:\/\/www.psib-psoe.org\/mallorca\/wp-content\/uploads\/Ple-121224-600x400.jpeg 600w, https:\/\/www.psib-psoe.org\/mallorca\/wp-content\/uploads\/Ple-121224-300x200.jpeg 300w, https:\/\/www.psib-psoe.org\/mallorca\/wp-content\/uploads\/Ple-121224-900x600.jpeg 900w, https:\/\/www.psib-psoe.org\/mallorca\/wp-content\/uploads\/Ple-121224-20x13.jpeg 20w\" sizes=\"(max-width: 600px) 100vw, 600px\" \/><\/figure>\n\t\t<div class=\"blog-top\">\n\t\t\t<header class=\"post-title entry-header\">\n\t\t\t\t<aside class=\"post-meta cf\">\n\t\t10\/03\/2025 \/ <a href=\"https:\/\/www.psib-psoe.org\/mallorca\/category\/federacio-de-mallorca\/\" rel=\"category tag\">Federaci\u00f3 de Mallorca<\/a>, <a href=\"https:\/\/www.psib-psoe.org\/mallorca\/category\/federacio-de-mallorca-portada\/\" rel=\"category tag\">Federaci\u00f3 de Mallorca - Portada<\/a>, <a href=\"https:\/\/www.psib-psoe.org\/mallorca\/category\/municipis\/\" rel=\"category tag\">Municipis<\/a>, <a href=\"https:\/\/www.psib-psoe.org\/mallorca\/category\/portada\/\" rel=\"category tag\">Portada<\/a><\/aside>\n\t\t\t\t<h3 itemprop=\"headline\"><a href=\"https:\/\/www.psib-psoe.org\/mallorca\/els-socialistes-de-mallorca-llencen-una-iniciativa-per-combatre-la-solitud-no-desitjada-per-gent-gran-des-de-la-perspectiva-de-genere\/\" title=\"Els Socialistes de Mallorca llencen una iniciativa per combatre la solitud no desitjada per gent gran des de la perspectiva de g\u00e8nere. \u00a0\">Els Socialistes de Mallorca llencen una iniciativa per combatre la solitud no desitjada per gent gran des de la perspectiva de g\u00e8nere. \u00a0<\/a><\/h3>\n\t\t\t<\/header>\n\t\t<\/div>\n\t\t<div class=\"post-content\">\n\t\t\t<a href=\"https:\/\/www.psib-psoe.org\/mallorca\/els-socialistes-de-mallorca-llencen-una-iniciativa-per-combatre-la-solitud-no-desitjada-per-gent-gran-des-de-la-perspectiva-de-genere\/\" class=\"more-link\">Read More<\/a>\n\t\t<\/div>\n\t\t\t<aside class=\"post-bottom-meta hide\">\n\t\t<strong rel=\"author\" itemprop=\"author\" class=\"author vcard\"><span class=\"fn\">Albert<\/span><\/strong>\n\t\t<time class=\"date published time\" datetime=\"2025-03-10T12:57:40+02:00\" itemprop=\"datePublished\" content=\"2025-03-10T12:57:40+02:00\">10\/03\/2025<\/time>\n\t\t<meta itemprop=\"dateModified\" class=\"date updated\" content=\"2025-03-10T12:57:52+02:00\">\n\t\t<span class=\"hide\" itemprop=\"publisher\" itemscope itemtype=\"https:\/\/schema.org\/Organization\">\n\t\t\t<meta itemprop=\"name\" content=\"SocialistesdMca\">\n\t\t\t<span itemprop=\"logo\" itemscope itemtype=\"https:\/\/schema.org\/ImageObject\">\n\t\t\t\t<meta itemprop=\"url\" content=\"https:\/\/www.psib-psoe.org\/mallorca\/wp-content\/themes\/notio-wp\/assets\/img\/logo.png\">\n\t\t\t<\/span>\n\t\t\t<meta itemprop=\"url\" content=\"https:\/\/www.psib-psoe.org\/mallorca\/\">\n\t\t<\/span>\n\t\t\t\t<span class=\"hide\" itemprop=\"image\" itemscope itemtype=\"http:\/\/schema.org\/ImageObject\">\n\t\t\t<meta itemprop=\"url\" content=\"https:\/\/www.psib-psoe.org\/mallorca\/wp-content\/uploads\/Ple-121224-scaled.jpeg\">\n\t\t\t<meta itemprop=\"width\" content=\"2560\">\n\t\t\t<meta itemprop=\"height\" content=\"1920\">\n\t\t<\/span>\n\t\t\t\t<meta itemscope itemprop=\"mainEntityOfPage\" itemtype=\"https:\/\/schema.org\/WebPage\" itemid=\"https:\/\/www.psib-psoe.org\/mallorca\/els-socialistes-de-mallorca-llencen-una-iniciativa-per-combatre-la-solitud-no-desitjada-per-gent-gran-des-de-la-perspectiva-de-genere\/\">\n\t<\/aside>\n\t\t<\/article>\n<\/div>\n<div class=\"small-12 large-4 columns\">\n\t<article itemscope itemtype=\"http:\/\/schema.org\/Article\" class=\"post blog-style7 alt post-29575 type-post status-publish format-standard has-post-thumbnail hentry category-federacio-de-mallorca category-federacio-de-mallorca-portada category-municipis category-portada tag-amanda-fernandez tag-federacio-socialista-de-mallorca tag-psib-psoe tag-santanyi tag-socialistes-santanyi tag-tino-davia\" role=\"article\">\n\t\t<figure class=\"post-gallery\"><img loading=\"lazy\" decoding=\"async\" width=\"600\" height=\"400\" src=\"https:\/\/www.psib-psoe.org\/mallorca\/wp-content\/uploads\/060325_FOTO-GRUP-CENTE-DE-DIA-CALA-DOR-600x400.jpg\" class=\"attachment-notio-general-x2 size-notio-general-x2 wp-post-image\" alt=\"\" srcset=\"https:\/\/www.psib-psoe.org\/mallorca\/wp-content\/uploads\/060325_FOTO-GRUP-CENTE-DE-DIA-CALA-DOR-600x400.jpg 600w, https:\/\/www.psib-psoe.org\/mallorca\/wp-content\/uploads\/060325_FOTO-GRUP-CENTE-DE-DIA-CALA-DOR-300x200.jpg 300w, https:\/\/www.psib-psoe.org\/mallorca\/wp-content\/uploads\/060325_FOTO-GRUP-CENTE-DE-DIA-CALA-DOR-900x600.jpg 900w, https:\/\/www.psib-psoe.org\/mallorca\/wp-content\/uploads\/060325_FOTO-GRUP-CENTE-DE-DIA-CALA-DOR-20x13.jpg 20w\" sizes=\"(max-width: 600px) 100vw, 600px\" \/><\/figure>\n\t\t<div class=\"blog-top\">\n\t\t\t<header class=\"post-title entry-header\">\n\t\t\t\t<aside class=\"post-meta cf\">\n\t\t06\/03\/2025 \/ <a href=\"https:\/\/www.psib-psoe.org\/mallorca\/category\/federacio-de-mallorca\/\" rel=\"category tag\">Federaci\u00f3 de Mallorca<\/a>, <a href=\"https:\/\/www.psib-psoe.org\/mallorca\/category\/federacio-de-mallorca-portada\/\" rel=\"category tag\">Federaci\u00f3 de Mallorca - Portada<\/a>, <a href=\"https:\/\/www.psib-psoe.org\/mallorca\/category\/municipis\/\" rel=\"category tag\">Municipis<\/a>, <a href=\"https:\/\/www.psib-psoe.org\/mallorca\/category\/portada\/\" rel=\"category tag\">Portada<\/a><\/aside>\n\t\t\t\t<h3 itemprop=\"headline\"><a href=\"https:\/\/www.psib-psoe.org\/mallorca\/el-psib-psoe-denuncia-la-inaccio-del-partit-popular-amb-el-centre-de-dia-de-cala-dor\/\" title=\"El PSIB-PSOE denuncia la \u2018inacci\u00f3\u2019 del Partit Popular amb el Centre de Dia de Cala d\u2019Or\">El PSIB-PSOE denuncia la \u2018inacci\u00f3\u2019 del Partit Popular amb el Centre de Dia de Cala d\u2019Or<\/a><\/h3>\n\t\t\t<\/header>\n\t\t<\/div>\n\t\t<div class=\"post-content\">\n\t\t\t<a href=\"https:\/\/www.psib-psoe.org\/mallorca\/el-psib-psoe-denuncia-la-inaccio-del-partit-popular-amb-el-centre-de-dia-de-cala-dor\/\" class=\"more-link\">Read More<\/a>\n\t\t<\/div>\n\t\t\t<aside class=\"post-bottom-meta hide\">\n\t\t<strong rel=\"author\" itemprop=\"author\" class=\"author vcard\"><span class=\"fn\">Albert<\/span><\/strong>\n\t\t<time class=\"date published time\" datetime=\"2025-03-06T15:52:07+02:00\" itemprop=\"datePublished\" content=\"2025-03-06T15:52:07+02:00\">06\/03\/2025<\/time>\n\t\t<meta itemprop=\"dateModified\" class=\"date updated\" content=\"2025-03-06T15:54:45+02:00\">\n\t\t<span class=\"hide\" itemprop=\"publisher\" itemscope itemtype=\"https:\/\/schema.org\/Organization\">\n\t\t\t<meta itemprop=\"name\" content=\"SocialistesdMca\">\n\t\t\t<span itemprop=\"logo\" itemscope itemtype=\"https:\/\/schema.org\/ImageObject\">\n\t\t\t\t<meta itemprop=\"url\" content=\"https:\/\/www.psib-psoe.org\/mallorca\/wp-content\/themes\/notio-wp\/assets\/img\/logo.png\">\n\t\t\t<\/span>\n\t\t\t<meta itemprop=\"url\" content=\"https:\/\/www.psib-psoe.org\/mallorca\/\">\n\t\t<\/span>\n\t\t\t\t<span class=\"hide\" itemprop=\"image\" itemscope itemtype=\"http:\/\/schema.org\/ImageObject\">\n\t\t\t<meta itemprop=\"url\" content=\"https:\/\/www.psib-psoe.org\/mallorca\/wp-content\/uploads\/060325_FOTO-GRUP-CENTE-DE-DIA-CALA-DOR-scaled.jpg\">\n\t\t\t<meta itemprop=\"width\" content=\"2560\">\n\t\t\t<meta itemprop=\"height\" content=\"1896\">\n\t\t<\/span>\n\t\t\t\t<meta itemscope itemprop=\"mainEntityOfPage\" itemtype=\"https:\/\/schema.org\/WebPage\" itemid=\"https:\/\/www.psib-psoe.org\/mallorca\/el-psib-psoe-denuncia-la-inaccio-del-partit-popular-amb-el-centre-de-dia-de-cala-dor\/\">\n\t<\/aside>\n\t\t<\/article>\n<\/div>\n<div class=\"small-12 large-4 columns\">\n\t<article itemscope itemtype=\"http:\/\/schema.org\/Article\" class=\"post blog-style7 alt post-29570 type-post status-publish format-standard has-post-thumbnail hentry category-federacio-de-mallorca category-federacio-de-mallorca-portada category-municipis category-portada tag-amanda-fernandez tag-federacio-socialista-de-mallorca tag-psib-psoe tag-socialistes-santa-margalida tag-xisco-bergas\" role=\"article\">\n\t\t<figure class=\"post-gallery\"><img loading=\"lazy\" decoding=\"async\" width=\"600\" height=\"400\" src=\"https:\/\/www.psib-psoe.org\/mallorca\/wp-content\/uploads\/060325_FOTO-GRUP-SANTA-MARGALIDA-600x400.jpeg\" class=\"attachment-notio-general-x2 size-notio-general-x2 wp-post-image\" alt=\"\" srcset=\"https:\/\/www.psib-psoe.org\/mallorca\/wp-content\/uploads\/060325_FOTO-GRUP-SANTA-MARGALIDA-600x400.jpeg 600w, https:\/\/www.psib-psoe.org\/mallorca\/wp-content\/uploads\/060325_FOTO-GRUP-SANTA-MARGALIDA-300x200.jpeg 300w, https:\/\/www.psib-psoe.org\/mallorca\/wp-content\/uploads\/060325_FOTO-GRUP-SANTA-MARGALIDA-900x600.jpeg 900w, https:\/\/www.psib-psoe.org\/mallorca\/wp-content\/uploads\/060325_FOTO-GRUP-SANTA-MARGALIDA-20x13.jpeg 20w\" sizes=\"(max-width: 600px) 100vw, 600px\" \/><\/figure>\n\t\t<div class=\"blog-top\">\n\t\t\t<header class=\"post-title entry-header\">\n\t\t\t\t<aside class=\"post-meta cf\">\n\t\t06\/03\/2025 \/ <a href=\"https:\/\/www.psib-psoe.org\/mallorca\/category\/federacio-de-mallorca\/\" rel=\"category tag\">Federaci\u00f3 de Mallorca<\/a>, <a href=\"https:\/\/www.psib-psoe.org\/mallorca\/category\/federacio-de-mallorca-portada\/\" rel=\"category tag\">Federaci\u00f3 de Mallorca - Portada<\/a>, <a href=\"https:\/\/www.psib-psoe.org\/mallorca\/category\/municipis\/\" rel=\"category tag\">Municipis<\/a>, <a href=\"https:\/\/www.psib-psoe.org\/mallorca\/category\/portada\/\" rel=\"category tag\">Portada<\/a><\/aside>\n\t\t\t\t<h3 itemprop=\"headline\"><a href=\"https:\/\/www.psib-psoe.org\/mallorca\/amanda-fernandez-reclama-juntament-amb-els-socialistes-de-santa-margalida-lobertura-amb-condicions-de-la-unitat-basica-de-salut\/\" title=\"Amanda Fern\u00e1ndez reclama, juntament amb els Socialistes de Santa Margalida, l\u2019obertura amb condicions de la Unitat B\u00e0sica de Salut\">Amanda Fern\u00e1ndez reclama, juntament amb els Socialistes de Santa Margalida, l\u2019obertura amb condicions de la Unitat B\u00e0sica de Salut<\/a><\/h3>\n\t\t\t<\/header>\n\t\t<\/div>\n\t\t<div class=\"post-content\">\n\t\t\t<a href=\"https:\/\/www.psib-psoe.org\/mallorca\/amanda-fernandez-reclama-juntament-amb-els-socialistes-de-santa-margalida-lobertura-amb-condicions-de-la-unitat-basica-de-salut\/\" class=\"more-link\">Read More<\/a>\n\t\t<\/div>\n\t\t\t<aside class=\"post-bottom-meta hide\">\n\t\t<strong rel=\"author\" itemprop=\"author\" class=\"author vcard\"><span class=\"fn\">Albert<\/span><\/strong>\n\t\t<time class=\"date published time\" datetime=\"2025-03-06T12:41:58+02:00\" itemprop=\"datePublished\" content=\"2025-03-06T12:41:58+02:00\">06\/03\/2025<\/time>\n\t\t<meta itemprop=\"dateModified\" class=\"date updated\" content=\"2025-03-06T12:42:09+02:00\">\n\t\t<span class=\"hide\" itemprop=\"publisher\" itemscope itemtype=\"https:\/\/schema.org\/Organization\">\n\t\t\t<meta itemprop=\"name\" content=\"SocialistesdMca\">\n\t\t\t<span itemprop=\"logo\" itemscope itemtype=\"https:\/\/schema.org\/ImageObject\">\n\t\t\t\t<meta itemprop=\"url\" content=\"https:\/\/www.psib-psoe.org\/mallorca\/wp-content\/themes\/notio-wp\/assets\/img\/logo.png\">\n\t\t\t<\/span>\n\t\t\t<meta itemprop=\"url\" content=\"https:\/\/www.psib-psoe.org\/mallorca\/\">\n\t\t<\/span>\n\t\t\t\t<span class=\"hide\" itemprop=\"image\" itemscope itemtype=\"http:\/\/schema.org\/ImageObject\">\n\t\t\t<meta itemprop=\"url\" content=\"https:\/\/www.psib-psoe.org\/mallorca\/wp-content\/uploads\/060325_FOTO-GRUP-SANTA-MARGALIDA.jpeg\">\n\t\t\t<meta itemprop=\"width\" content=\"1200\">\n\t\t\t<meta itemprop=\"height\" content=\"1600\">\n\t\t<\/span>\n\t\t\t\t<meta itemscope itemprop=\"mainEntityOfPage\" itemtype=\"https:\/\/schema.org\/WebPage\" itemid=\"https:\/\/www.psib-psoe.org\/mallorca\/amanda-fernandez-reclama-juntament-amb-els-socialistes-de-santa-margalida-lobertura-amb-condicions-de-la-unitat-basica-de-salut\/\">\n\t<\/aside>\n\t\t<\/article>\n<\/div>\n<div class=\"small-12 large-4 columns\">\n\t<article itemscope itemtype=\"http:\/\/schema.org\/Article\" class=\"post blog-style7 alt post-29566 type-post status-publish format-standard has-post-thumbnail hentry category-federacio-de-mallorca category-federacio-de-mallorca-portada category-municipis category-portada tag-catalina-cladera tag-federacio-socialista-de-mallorca tag-javier-de-juan tag-joan-ferrer tag-psib-psoe\" role=\"article\">\n\t\t<figure class=\"post-gallery\"><img loading=\"lazy\" decoding=\"async\" width=\"600\" height=\"400\" src=\"https:\/\/www.psib-psoe.org\/mallorca\/wp-content\/uploads\/Rdp-ITV-Son-Oms-600x400.jpeg\" class=\"attachment-notio-general-x2 size-notio-general-x2 wp-post-image\" alt=\"\" srcset=\"https:\/\/www.psib-psoe.org\/mallorca\/wp-content\/uploads\/Rdp-ITV-Son-Oms-600x400.jpeg 600w, https:\/\/www.psib-psoe.org\/mallorca\/wp-content\/uploads\/Rdp-ITV-Son-Oms-300x200.jpeg 300w, https:\/\/www.psib-psoe.org\/mallorca\/wp-content\/uploads\/Rdp-ITV-Son-Oms-900x600.jpeg 900w, https:\/\/www.psib-psoe.org\/mallorca\/wp-content\/uploads\/Rdp-ITV-Son-Oms-20x13.jpeg 20w\" sizes=\"(max-width: 600px) 100vw, 600px\" \/><\/figure>\n\t\t<div class=\"blog-top\">\n\t\t\t<header class=\"post-title entry-header\">\n\t\t\t\t<aside class=\"post-meta cf\">\n\t\t05\/03\/2025 \/ <a href=\"https:\/\/www.psib-psoe.org\/mallorca\/category\/federacio-de-mallorca\/\" rel=\"category tag\">Federaci\u00f3 de Mallorca<\/a>, <a href=\"https:\/\/www.psib-psoe.org\/mallorca\/category\/federacio-de-mallorca-portada\/\" rel=\"category tag\">Federaci\u00f3 de Mallorca - Portada<\/a>, <a href=\"https:\/\/www.psib-psoe.org\/mallorca\/category\/municipis\/\" rel=\"category tag\">Municipis<\/a>, <a href=\"https:\/\/www.psib-psoe.org\/mallorca\/category\/portada\/\" rel=\"category tag\">Portada<\/a><\/aside>\n\t\t\t\t<h3 itemprop=\"headline\"><a href=\"https:\/\/www.psib-psoe.org\/mallorca\/cladera-galmes-ha-de-fer-menys-viatges-i-fotos-i-ocupar-se-de-la-gestio-de-la-itv-a-mallorca\/\" title=\"Cladera: \u201cGalm\u00e9s ha de fer menys viatges i fotos i ocupar-se de la gesti\u00f3 de la ITV a Mallorca\u201d.\">Cladera: \u201cGalm\u00e9s ha de fer menys viatges i fotos i ocupar-se de la gesti\u00f3 de la ITV a Mallorca\u201d.<\/a><\/h3>\n\t\t\t<\/header>\n\t\t<\/div>\n\t\t<div class=\"post-content\">\n\t\t\t<a href=\"https:\/\/www.psib-psoe.org\/mallorca\/cladera-galmes-ha-de-fer-menys-viatges-i-fotos-i-ocupar-se-de-la-gestio-de-la-itv-a-mallorca\/\" class=\"more-link\">Read More<\/a>\n\t\t<\/div>\n\t\t\t<aside class=\"post-bottom-meta hide\">\n\t\t<strong rel=\"author\" itemprop=\"author\" class=\"author vcard\"><span class=\"fn\">Albert<\/span><\/strong>\n\t\t<time class=\"date published time\" datetime=\"2025-03-05T19:20:58+02:00\" itemprop=\"datePublished\" content=\"2025-03-05T19:20:58+02:00\">05\/03\/2025<\/time>\n\t\t<meta itemprop=\"dateModified\" class=\"date updated\" content=\"2025-03-05T19:21:10+02:00\">\n\t\t<span class=\"hide\" itemprop=\"publisher\" itemscope itemtype=\"https:\/\/schema.org\/Organization\">\n\t\t\t<meta itemprop=\"name\" content=\"SocialistesdMca\">\n\t\t\t<span itemprop=\"logo\" itemscope itemtype=\"https:\/\/schema.org\/ImageObject\">\n\t\t\t\t<meta itemprop=\"url\" content=\"https:\/\/www.psib-psoe.org\/mallorca\/wp-content\/themes\/notio-wp\/assets\/img\/logo.png\">\n\t\t\t<\/span>\n\t\t\t<meta itemprop=\"url\" content=\"https:\/\/www.psib-psoe.org\/mallorca\/\">\n\t\t<\/span>\n\t\t\t\t<span class=\"hide\" itemprop=\"image\" itemscope itemtype=\"http:\/\/schema.org\/ImageObject\">\n\t\t\t<meta itemprop=\"url\" content=\"https:\/\/www.psib-psoe.org\/mallorca\/wp-content\/uploads\/Rdp-ITV-Son-Oms.jpeg\">\n\t\t\t<meta itemprop=\"width\" content=\"2560\">\n\t\t\t<meta itemprop=\"height\" content=\"1920\">\n\t\t<\/span>\n\t\t\t\t<meta itemscope itemprop=\"mainEntityOfPage\" itemtype=\"https:\/\/schema.org\/WebPage\" itemid=\"https:\/\/www.psib-psoe.org\/mallorca\/cladera-galmes-ha-de-fer-menys-viatges-i-fotos-i-ocupar-se-de-la-gestio-de-la-itv-a-mallorca\/\">\n\t<\/aside>\n\t\t<\/article>\n<\/div>\n<div class=\"small-12 large-4 columns\">\n\t<article itemscope itemtype=\"http:\/\/schema.org\/Article\" class=\"post blog-style7 alt post-29563 type-post status-publish format-standard has-post-thumbnail hentry category-federacio-de-mallorca category-federacio-de-mallorca-portada category-municipis category-portada tag-alcudia tag-barbara-rebassa tag-federacio-socialista-de-mallorca tag-joan-gaspar-vallori tag-psib-psoe tag-socialistes-alcudia\" role=\"article\">\n\t\t<figure class=\"post-gallery\"><img loading=\"lazy\" decoding=\"async\" width=\"600\" height=\"400\" src=\"https:\/\/www.psib-psoe.org\/mallorca\/wp-content\/uploads\/Regidors-Alcudia-600x400.jpeg\" class=\"attachment-notio-general-x2 size-notio-general-x2 wp-post-image\" alt=\"\" srcset=\"https:\/\/www.psib-psoe.org\/mallorca\/wp-content\/uploads\/Regidors-Alcudia-600x400.jpeg 600w, https:\/\/www.psib-psoe.org\/mallorca\/wp-content\/uploads\/Regidors-Alcudia-300x200.jpeg 300w, https:\/\/www.psib-psoe.org\/mallorca\/wp-content\/uploads\/Regidors-Alcudia-20x13.jpeg 20w\" sizes=\"(max-width: 600px) 100vw, 600px\" \/><\/figure>\n\t\t<div class=\"blog-top\">\n\t\t\t<header class=\"post-title entry-header\">\n\t\t\t\t<aside class=\"post-meta cf\">\n\t\t01\/03\/2025 \/ <a href=\"https:\/\/www.psib-psoe.org\/mallorca\/category\/federacio-de-mallorca\/\" rel=\"category tag\">Federaci\u00f3 de Mallorca<\/a>, <a href=\"https:\/\/www.psib-psoe.org\/mallorca\/category\/federacio-de-mallorca-portada\/\" rel=\"category tag\">Federaci\u00f3 de Mallorca - Portada<\/a>, <a href=\"https:\/\/www.psib-psoe.org\/mallorca\/category\/municipis\/\" rel=\"category tag\">Municipis<\/a>, <a href=\"https:\/\/www.psib-psoe.org\/mallorca\/category\/portada\/\" rel=\"category tag\">Portada<\/a><\/aside>\n\t\t\t\t<h3 itemprop=\"headline\"><a href=\"https:\/\/www.psib-psoe.org\/mallorca\/la-batlessa-dalcudia-eludeix-donar-explicacions-a-loposicio-sobre-la-destitucio-del-regidor-de-turisme-de-lajuntament\/\" title=\"La batlessa d\u2019Alc\u00fadia eludeix donar explicacions a l\u2019oposici\u00f3 sobre la destituci\u00f3 del regidor de Turisme de l\u2019Ajuntament.\">La batlessa d\u2019Alc\u00fadia eludeix donar explicacions a l\u2019oposici\u00f3 sobre la destituci\u00f3 del regidor de Turisme de l\u2019Ajuntament.<\/a><\/h3>\n\t\t\t<\/header>\n\t\t<\/div>\n\t\t<div class=\"post-content\">\n\t\t\t<a href=\"https:\/\/www.psib-psoe.org\/mallorca\/la-batlessa-dalcudia-eludeix-donar-explicacions-a-loposicio-sobre-la-destitucio-del-regidor-de-turisme-de-lajuntament\/\" class=\"more-link\">Read More<\/a>\n\t\t<\/div>\n\t\t\t<aside class=\"post-bottom-meta hide\">\n\t\t<strong rel=\"author\" itemprop=\"author\" class=\"author vcard\"><span class=\"fn\">Albert<\/span><\/strong>\n\t\t<time class=\"date published time\" datetime=\"2025-03-01T12:38:39+02:00\" itemprop=\"datePublished\" content=\"2025-03-01T12:38:39+02:00\">01\/03\/2025<\/time>\n\t\t<meta itemprop=\"dateModified\" class=\"date updated\" content=\"2025-03-01T12:38:40+02:00\">\n\t\t<span class=\"hide\" itemprop=\"publisher\" itemscope itemtype=\"https:\/\/schema.org\/Organization\">\n\t\t\t<meta itemprop=\"name\" content=\"SocialistesdMca\">\n\t\t\t<span itemprop=\"logo\" itemscope itemtype=\"https:\/\/schema.org\/ImageObject\">\n\t\t\t\t<meta itemprop=\"url\" content=\"https:\/\/www.psib-psoe.org\/mallorca\/wp-content\/themes\/notio-wp\/assets\/img\/logo.png\">\n\t\t\t<\/span>\n\t\t\t<meta itemprop=\"url\" content=\"https:\/\/www.psib-psoe.org\/mallorca\/\">\n\t\t<\/span>\n\t\t\t\t<span class=\"hide\" itemprop=\"image\" itemscope itemtype=\"http:\/\/schema.org\/ImageObject\">\n\t\t\t<meta itemprop=\"url\" content=\"https:\/\/www.psib-psoe.org\/mallorca\/wp-content\/uploads\/Regidors-Alcudia.jpeg\">\n\t\t\t<meta itemprop=\"width\" content=\"828\">\n\t\t\t<meta itemprop=\"height\" content=\"1343\">\n\t\t<\/span>\n\t\t\t\t<meta itemscope itemprop=\"mainEntityOfPage\" itemtype=\"https:\/\/schema.org\/WebPage\" itemid=\"https:\/\/www.psib-psoe.org\/mallorca\/la-batlessa-dalcudia-eludeix-donar-explicacions-a-loposicio-sobre-la-destitucio-del-regidor-de-turisme-de-lajuntament\/\">\n\t<\/aside>\n\t\t<\/article>\n<\/div>\n<div class=\"small-12 large-4 columns\">\n\t<article itemscope itemtype=\"http:\/\/schema.org\/Article\" class=\"post blog-style7 alt post-29558 type-post status-publish format-standard has-post-thumbnail hentry category-federacio-de-mallorca category-federacio-de-mallorca-portada category-municipis category-portada tag-andratx tag-enaitz-inan tag-federacio-socialista-de-mallorca tag-margarita-ii tag-psib-psoe tag-socialistes-dandratx tag-toni-bordoy tag-toni-mir\" role=\"article\">\n\t\t<figure class=\"post-gallery\"><img loading=\"lazy\" decoding=\"async\" width=\"600\" height=\"400\" src=\"https:\/\/www.psib-psoe.org\/mallorca\/wp-content\/uploads\/280225_-Grup-Municipal-PSIB-PSOE-Andratx-600x400.jpeg\" class=\"attachment-notio-general-x2 size-notio-general-x2 wp-post-image\" alt=\"\" srcset=\"https:\/\/www.psib-psoe.org\/mallorca\/wp-content\/uploads\/280225_-Grup-Municipal-PSIB-PSOE-Andratx-600x400.jpeg 600w, https:\/\/www.psib-psoe.org\/mallorca\/wp-content\/uploads\/280225_-Grup-Municipal-PSIB-PSOE-Andratx-300x200.jpeg 300w, https:\/\/www.psib-psoe.org\/mallorca\/wp-content\/uploads\/280225_-Grup-Municipal-PSIB-PSOE-Andratx-900x600.jpeg 900w, https:\/\/www.psib-psoe.org\/mallorca\/wp-content\/uploads\/280225_-Grup-Municipal-PSIB-PSOE-Andratx-20x13.jpeg 20w\" sizes=\"(max-width: 600px) 100vw, 600px\" \/><\/figure>\n\t\t<div class=\"blog-top\">\n\t\t\t<header class=\"post-title entry-header\">\n\t\t\t\t<aside class=\"post-meta cf\">\n\t\t28\/02\/2025 \/ <a href=\"https:\/\/www.psib-psoe.org\/mallorca\/category\/federacio-de-mallorca\/\" rel=\"category tag\">Federaci\u00f3 de Mallorca<\/a>, <a href=\"https:\/\/www.psib-psoe.org\/mallorca\/category\/federacio-de-mallorca-portada\/\" rel=\"category tag\">Federaci\u00f3 de Mallorca - Portada<\/a>, <a href=\"https:\/\/www.psib-psoe.org\/mallorca\/category\/municipis\/\" rel=\"category tag\">Municipis<\/a>, <a href=\"https:\/\/www.psib-psoe.org\/mallorca\/category\/portada\/\" rel=\"category tag\">Portada<\/a><\/aside>\n\t\t\t\t<h3 itemprop=\"headline\"><a href=\"https:\/\/www.psib-psoe.org\/mallorca\/els-socialistes-dandratx-lamenten-lactitud-de-la-batlessa-al-ple-de-reprovacio-dels-dos-regidors-per-la-destruccio-de-lembarcacio-catalogada-margarita-ii\/\" title=\"Els Socialistes d\u2019Andratx lamenten l\u2019actitud de la batlessa al ple de reprovaci\u00f3 dels dos regidors per la destrucci\u00f3 de l\u2019embarcaci\u00f3 catalogada Margarita II\">Els Socialistes d\u2019Andratx lamenten l\u2019actitud de la batlessa al ple de reprovaci\u00f3 dels dos regidors per la destrucci\u00f3 de l\u2019embarcaci\u00f3 catalogada Margarita II<\/a><\/h3>\n\t\t\t<\/header>\n\t\t<\/div>\n\t\t<div class=\"post-content\">\n\t\t\t<a href=\"https:\/\/www.psib-psoe.org\/mallorca\/els-socialistes-dandratx-lamenten-lactitud-de-la-batlessa-al-ple-de-reprovacio-dels-dos-regidors-per-la-destruccio-de-lembarcacio-catalogada-margarita-ii\/\" class=\"more-link\">Read More<\/a>\n\t\t<\/div>\n\t\t\t<aside class=\"post-bottom-meta hide\">\n\t\t<strong rel=\"author\" itemprop=\"author\" class=\"author vcard\"><span class=\"fn\">Albert<\/span><\/strong>\n\t\t<time class=\"date published time\" datetime=\"2025-02-28T14:25:00+02:00\" itemprop=\"datePublished\" content=\"2025-02-28T14:25:00+02:00\">28\/02\/2025<\/time>\n\t\t<meta itemprop=\"dateModified\" class=\"date updated\" content=\"2025-02-28T14:25:02+02:00\">\n\t\t<span class=\"hide\" itemprop=\"publisher\" itemscope itemtype=\"https:\/\/schema.org\/Organization\">\n\t\t\t<meta itemprop=\"name\" content=\"SocialistesdMca\">\n\t\t\t<span itemprop=\"logo\" itemscope itemtype=\"https:\/\/schema.org\/ImageObject\">\n\t\t\t\t<meta itemprop=\"url\" content=\"https:\/\/www.psib-psoe.org\/mallorca\/wp-content\/themes\/notio-wp\/assets\/img\/logo.png\">\n\t\t\t<\/span>\n\t\t\t<meta itemprop=\"url\" content=\"https:\/\/www.psib-psoe.org\/mallorca\/\">\n\t\t<\/span>\n\t\t\t\t<span class=\"hide\" itemprop=\"image\" itemscope itemtype=\"http:\/\/schema.org\/ImageObject\">\n\t\t\t<meta itemprop=\"url\" content=\"https:\/\/www.psib-psoe.org\/mallorca\/wp-content\/uploads\/280225_-Grup-Municipal-PSIB-PSOE-Andratx.jpeg\">\n\t\t\t<meta itemprop=\"width\" content=\"1069\">\n\t\t\t<meta itemprop=\"height\" content=\"1018\">\n\t\t<\/span>\n\t\t\t\t<meta itemscope itemprop=\"mainEntityOfPage\" itemtype=\"https:\/\/schema.org\/WebPage\" itemid=\"https:\/\/www.psib-psoe.org\/mallorca\/els-socialistes-dandratx-lamenten-lactitud-de-la-batlessa-al-ple-de-reprovacio-dels-dos-regidors-per-la-destruccio-de-lembarcacio-catalogada-margarita-ii\/\">\n\t<\/aside>\n\t\t<\/article>\n<\/div>\n<div class=\"small-12 large-4 columns\">\n\t<article itemscope itemtype=\"http:\/\/schema.org\/Article\" class=\"post blog-style7 alt post-29553 type-post status-publish format-standard has-post-thumbnail hentry category-federacio-de-mallorca category-federacio-de-mallorca-portada category-municipis category-portada tag-catalina-cladera tag-federacio-socialista-de-mallorca tag-javier-de-juan tag-mercedes-garrido tag-psib-psoe\" role=\"article\">\n\t\t<figure class=\"post-gallery\"><img loading=\"lazy\" decoding=\"async\" width=\"600\" height=\"400\" src=\"https:\/\/www.psib-psoe.org\/mallorca\/wp-content\/uploads\/Javier-1-600x400.jpeg\" class=\"attachment-notio-general-x2 size-notio-general-x2 wp-post-image\" alt=\"\" srcset=\"https:\/\/www.psib-psoe.org\/mallorca\/wp-content\/uploads\/Javier-1-600x400.jpeg 600w, https:\/\/www.psib-psoe.org\/mallorca\/wp-content\/uploads\/Javier-1-300x200.jpeg 300w, https:\/\/www.psib-psoe.org\/mallorca\/wp-content\/uploads\/Javier-1-900x600.jpeg 900w, https:\/\/www.psib-psoe.org\/mallorca\/wp-content\/uploads\/Javier-1-20x13.jpeg 20w\" sizes=\"(max-width: 600px) 100vw, 600px\" \/><\/figure>\n\t\t<div class=\"blog-top\">\n\t\t\t<header class=\"post-title entry-header\">\n\t\t\t\t<aside class=\"post-meta cf\">\n\t\t26\/02\/2025 \/ <a href=\"https:\/\/www.psib-psoe.org\/mallorca\/category\/federacio-de-mallorca\/\" rel=\"category tag\">Federaci\u00f3 de Mallorca<\/a>, <a href=\"https:\/\/www.psib-psoe.org\/mallorca\/category\/federacio-de-mallorca-portada\/\" rel=\"category tag\">Federaci\u00f3 de Mallorca - Portada<\/a>, <a href=\"https:\/\/www.psib-psoe.org\/mallorca\/category\/municipis\/\" rel=\"category tag\">Municipis<\/a>, <a href=\"https:\/\/www.psib-psoe.org\/mallorca\/category\/portada\/\" rel=\"category tag\">Portada<\/a><\/aside>\n\t\t\t\t<h3 itemprop=\"headline\"><a href=\"https:\/\/www.psib-psoe.org\/mallorca\/el-grup-socialista-insisteix-en-dur-al-ple-del-consell-la-reprovacio-de-la-portaveu-del-pp-nuria-riera-per-la-incompatibilitat-de-les-seves-funcions-i-labsentisme-laboral\/\" title=\"El Grup Socialista insisteix en dur al ple del Consell la reprovaci\u00f3 de la portaveu del PP, N\u00faria Riera, per la incompatibilitat de les seves funcions i l\u2019absentisme laboral.\">El Grup Socialista insisteix en dur al ple del Consell la reprovaci\u00f3 de la portaveu del PP, N\u00faria Riera, per la incompatibilitat de les seves funcions i l\u2019absentisme laboral.<\/a><\/h3>\n\t\t\t<\/header>\n\t\t<\/div>\n\t\t<div class=\"post-content\">\n\t\t\t<a href=\"https:\/\/www.psib-psoe.org\/mallorca\/el-grup-socialista-insisteix-en-dur-al-ple-del-consell-la-reprovacio-de-la-portaveu-del-pp-nuria-riera-per-la-incompatibilitat-de-les-seves-funcions-i-labsentisme-laboral\/\" class=\"more-link\">Read More<\/a>\n\t\t<\/div>\n\t\t\t<aside class=\"post-bottom-meta hide\">\n\t\t<strong rel=\"author\" itemprop=\"author\" class=\"author vcard\"><span class=\"fn\">Albert<\/span><\/strong>\n\t\t<time class=\"date published time\" datetime=\"2025-02-26T13:56:03+02:00\" itemprop=\"datePublished\" content=\"2025-02-26T13:56:03+02:00\">26\/02\/2025<\/time>\n\t\t<meta itemprop=\"dateModified\" class=\"date updated\" content=\"2025-02-26T13:56:05+02:00\">\n\t\t<span class=\"hide\" itemprop=\"publisher\" itemscope itemtype=\"https:\/\/schema.org\/Organization\">\n\t\t\t<meta itemprop=\"name\" content=\"SocialistesdMca\">\n\t\t\t<span itemprop=\"logo\" itemscope itemtype=\"https:\/\/schema.org\/ImageObject\">\n\t\t\t\t<meta itemprop=\"url\" content=\"https:\/\/www.psib-psoe.org\/mallorca\/wp-content\/themes\/notio-wp\/assets\/img\/logo.png\">\n\t\t\t<\/span>\n\t\t\t<meta itemprop=\"url\" content=\"https:\/\/www.psib-psoe.org\/mallorca\/\">\n\t\t<\/span>\n\t\t\t\t<span class=\"hide\" itemprop=\"image\" itemscope itemtype=\"http:\/\/schema.org\/ImageObject\">\n\t\t\t<meta itemprop=\"url\" content=\"https:\/\/www.psib-psoe.org\/mallorca\/wp-content\/uploads\/Javier-1.jpeg\">\n\t\t\t<meta itemprop=\"width\" content=\"1536\">\n\t\t\t<meta itemprop=\"height\" content=\"2048\">\n\t\t<\/span>\n\t\t\t\t<meta itemscope itemprop=\"mainEntityOfPage\" itemtype=\"https:\/\/schema.org\/WebPage\" itemid=\"https:\/\/www.psib-psoe.org\/mallorca\/el-grup-socialista-insisteix-en-dur-al-ple-del-consell-la-reprovacio-de-la-portaveu-del-pp-nuria-riera-per-la-incompatibilitat-de-les-seves-funcions-i-labsentisme-laboral\/\">\n\t<\/aside>\n\t\t<\/article>\n<\/div>\n<div class=\"small-12 large-4 columns\">\n\t<article itemscope itemtype=\"http:\/\/schema.org\/Article\" class=\"post blog-style7 alt post-29550 type-post status-publish format-standard has-post-thumbnail hentry category-federacio-de-mallorca category-federacio-de-mallorca-portada category-municipis category-portada tag-esporles tag-federacio-socialista-de-mallorca tag-psib-psoe tag-socialistes-desporles tag-toni-bordoy\" role=\"article\">\n\t\t<figure class=\"post-gallery\"><img loading=\"lazy\" decoding=\"async\" width=\"600\" height=\"400\" src=\"https:\/\/www.psib-psoe.org\/mallorca\/wp-content\/uploads\/ESPORLES-TONI-BORDOY-600x400.jpg\" class=\"attachment-notio-general-x2 size-notio-general-x2 wp-post-image\" alt=\"\" srcset=\"https:\/\/www.psib-psoe.org\/mallorca\/wp-content\/uploads\/ESPORLES-TONI-BORDOY-600x400.jpg 600w, https:\/\/www.psib-psoe.org\/mallorca\/wp-content\/uploads\/ESPORLES-TONI-BORDOY-300x200.jpg 300w, https:\/\/www.psib-psoe.org\/mallorca\/wp-content\/uploads\/ESPORLES-TONI-BORDOY-1024x683.jpg 1024w, https:\/\/www.psib-psoe.org\/mallorca\/wp-content\/uploads\/ESPORLES-TONI-BORDOY-768x512.jpg 768w, https:\/\/www.psib-psoe.org\/mallorca\/wp-content\/uploads\/ESPORLES-TONI-BORDOY-1536x1024.jpg 1536w, https:\/\/www.psib-psoe.org\/mallorca\/wp-content\/uploads\/ESPORLES-TONI-BORDOY-2048x1365.jpg 2048w, https:\/\/www.psib-psoe.org\/mallorca\/wp-content\/uploads\/ESPORLES-TONI-BORDOY-150x100.jpg 150w, https:\/\/www.psib-psoe.org\/mallorca\/wp-content\/uploads\/ESPORLES-TONI-BORDOY-900x600.jpg 900w, https:\/\/www.psib-psoe.org\/mallorca\/wp-content\/uploads\/ESPORLES-TONI-BORDOY-20x13.jpg 20w\" sizes=\"(max-width: 600px) 100vw, 600px\" \/><\/figure>\n\t\t<div class=\"blog-top\">\n\t\t\t<header class=\"post-title entry-header\">\n\t\t\t\t<aside class=\"post-meta cf\">\n\t\t26\/02\/2025 \/ <a href=\"https:\/\/www.psib-psoe.org\/mallorca\/category\/federacio-de-mallorca\/\" rel=\"category tag\">Federaci\u00f3 de Mallorca<\/a>, <a href=\"https:\/\/www.psib-psoe.org\/mallorca\/category\/federacio-de-mallorca-portada\/\" rel=\"category tag\">Federaci\u00f3 de Mallorca - Portada<\/a>, <a href=\"https:\/\/www.psib-psoe.org\/mallorca\/category\/municipis\/\" rel=\"category tag\">Municipis<\/a>, <a href=\"https:\/\/www.psib-psoe.org\/mallorca\/category\/portada\/\" rel=\"category tag\">Portada<\/a><\/aside>\n\t\t\t\t<h3 itemprop=\"headline\"><a href=\"https:\/\/www.psib-psoe.org\/mallorca\/els-socialistes-desporles-reclamen-a-lajuntament-que-adopti-mesures-per-a-lestalvi-daigua\/\" title=\"Els Socialistes d\u2019Esporles reclamen a l\u2019Ajuntament que adopti mesures per a l\u2019estalvi d\u2019aigua\">Els Socialistes d\u2019Esporles reclamen a l\u2019Ajuntament que adopti mesures per a l\u2019estalvi d\u2019aigua<\/a><\/h3>\n\t\t\t<\/header>\n\t\t<\/div>\n\t\t<div class=\"post-content\">\n\t\t\t<a href=\"https:\/\/www.psib-psoe.org\/mallorca\/els-socialistes-desporles-reclamen-a-lajuntament-que-adopti-mesures-per-a-lestalvi-daigua\/\" class=\"more-link\">Read More<\/a>\n\t\t<\/div>\n\t\t\t<aside class=\"post-bottom-meta hide\">\n\t\t<strong rel=\"author\" itemprop=\"author\" class=\"author vcard\"><span class=\"fn\">Albert<\/span><\/strong>\n\t\t<time class=\"date published time\" datetime=\"2025-02-26T13:45:59+02:00\" itemprop=\"datePublished\" content=\"2025-02-26T13:45:59+02:00\">26\/02\/2025<\/time>\n\t\t<meta itemprop=\"dateModified\" class=\"date updated\" content=\"2025-02-26T13:45:59+02:00\">\n\t\t<span class=\"hide\" itemprop=\"publisher\" itemscope itemtype=\"https:\/\/schema.org\/Organization\">\n\t\t\t<meta itemprop=\"name\" content=\"SocialistesdMca\">\n\t\t\t<span itemprop=\"logo\" itemscope itemtype=\"https:\/\/schema.org\/ImageObject\">\n\t\t\t\t<meta itemprop=\"url\" content=\"https:\/\/www.psib-psoe.org\/mallorca\/wp-content\/themes\/notio-wp\/assets\/img\/logo.png\">\n\t\t\t<\/span>\n\t\t\t<meta itemprop=\"url\" content=\"https:\/\/www.psib-psoe.org\/mallorca\/\">\n\t\t<\/span>\n\t\t\t\t<span class=\"hide\" itemprop=\"image\" itemscope itemtype=\"http:\/\/schema.org\/ImageObject\">\n\t\t\t<meta itemprop=\"url\" content=\"https:\/\/www.psib-psoe.org\/mallorca\/wp-content\/uploads\/ESPORLES-TONI-BORDOY-scaled.jpg\">\n\t\t\t<meta itemprop=\"width\" content=\"2560\">\n\t\t\t<meta itemprop=\"height\" content=\"1707\">\n\t\t<\/span>\n\t\t\t\t<meta itemscope itemprop=\"mainEntityOfPage\" itemtype=\"https:\/\/schema.org\/WebPage\" itemid=\"https:\/\/www.psib-psoe.org\/mallorca\/els-socialistes-desporles-reclamen-a-lajuntament-que-adopti-mesures-per-a-lestalvi-daigua\/\">\n\t<\/aside>\n\t\t<\/article>\n<\/div>\n<div class=\"small-12 large-4 columns\">\n\t<article itemscope itemtype=\"http:\/\/schema.org\/Article\" class=\"post blog-style7 alt post-29547 type-post status-publish format-standard has-post-thumbnail hentry category-15e-congres-fsm category-federacio-de-mallorca category-federacio-de-mallorca-portada category-portada tag-amanda-fernandez tag-federacio-socialista-de-mallorca tag-fsm tag-psib-psoe\" role=\"article\">\n\t\t<figure class=\"post-gallery\"><img loading=\"lazy\" decoding=\"async\" width=\"600\" height=\"400\" src=\"https:\/\/www.psib-psoe.org\/mallorca\/wp-content\/uploads\/240225-Amanda-Fernandez-600x400.png\" class=\"attachment-notio-general-x2 size-notio-general-x2 wp-post-image\" alt=\"\" srcset=\"https:\/\/www.psib-psoe.org\/mallorca\/wp-content\/uploads\/240225-Amanda-Fernandez-600x400.png 600w, https:\/\/www.psib-psoe.org\/mallorca\/wp-content\/uploads\/240225-Amanda-Fernandez-300x200.png 300w, https:\/\/www.psib-psoe.org\/mallorca\/wp-content\/uploads\/240225-Amanda-Fernandez-900x600.png 900w, https:\/\/www.psib-psoe.org\/mallorca\/wp-content\/uploads\/240225-Amanda-Fernandez-20x13.png 20w\" sizes=\"(max-width: 600px) 100vw, 600px\" \/><\/figure>\n\t\t<div class=\"blog-top\">\n\t\t\t<header class=\"post-title entry-header\">\n\t\t\t\t<aside class=\"post-meta cf\">\n\t\t24\/02\/2025 \/ <a href=\"https:\/\/www.psib-psoe.org\/mallorca\/category\/15e-congres-fsm\/\" rel=\"category tag\">15\u00e8 Congr\u00e9s FSM<\/a>, <a href=\"https:\/\/www.psib-psoe.org\/mallorca\/category\/federacio-de-mallorca\/\" rel=\"category tag\">Federaci\u00f3 de Mallorca<\/a>, <a href=\"https:\/\/www.psib-psoe.org\/mallorca\/category\/federacio-de-mallorca-portada\/\" rel=\"category tag\">Federaci\u00f3 de Mallorca - Portada<\/a>, <a href=\"https:\/\/www.psib-psoe.org\/mallorca\/category\/portada\/\" rel=\"category tag\">Portada<\/a><\/aside>\n\t\t\t\t<h3 itemprop=\"headline\"><a href=\"https:\/\/www.psib-psoe.org\/mallorca\/amanda-fernandez-ja-es-la-secretaria-general-de-la-federacio-socialista-de-mallorc\/\" title=\"Amanda Fern\u00e1ndez ja \u00e9s la secret\u00e0ria general de la Federaci\u00f3 Socialista de Mallorc\">Amanda Fern\u00e1ndez ja \u00e9s la secret\u00e0ria general de la Federaci\u00f3 Socialista de Mallorc<\/a><\/h3>\n\t\t\t<\/header>\n\t\t<\/div>\n\t\t<div class=\"post-content\">\n\t\t\t<a href=\"https:\/\/www.psib-psoe.org\/mallorca\/amanda-fernandez-ja-es-la-secretaria-general-de-la-federacio-socialista-de-mallorc\/\" class=\"more-link\">Read More<\/a>\n\t\t<\/div>\n\t\t\t<aside class=\"post-bottom-meta hide\">\n\t\t<strong rel=\"author\" itemprop=\"author\" class=\"author vcard\"><span class=\"fn\">Albert<\/span><\/strong>\n\t\t<time class=\"date published time\" datetime=\"2025-02-24T20:25:14+02:00\" itemprop=\"datePublished\" content=\"2025-02-24T20:25:14+02:00\">24\/02\/2025<\/time>\n\t\t<meta itemprop=\"dateModified\" class=\"date updated\" content=\"2025-02-24T20:25:16+02:00\">\n\t\t<span class=\"hide\" itemprop=\"publisher\" itemscope itemtype=\"https:\/\/schema.org\/Organization\">\n\t\t\t<meta itemprop=\"name\" content=\"SocialistesdMca\">\n\t\t\t<span itemprop=\"logo\" itemscope itemtype=\"https:\/\/schema.org\/ImageObject\">\n\t\t\t\t<meta itemprop=\"url\" content=\"https:\/\/www.psib-psoe.org\/mallorca\/wp-content\/themes\/notio-wp\/assets\/img\/logo.png\">\n\t\t\t<\/span>\n\t\t\t<meta itemprop=\"url\" content=\"https:\/\/www.psib-psoe.org\/mallorca\/\">\n\t\t<\/span>\n\t\t\t\t<span class=\"hide\" itemprop=\"image\" itemscope itemtype=\"http:\/\/schema.org\/ImageObject\">\n\t\t\t<meta itemprop=\"url\" content=\"https:\/\/www.psib-psoe.org\/mallorca\/wp-content\/uploads\/240225-Amanda-Fernandez.png\">\n\t\t\t<meta itemprop=\"width\" content=\"3394\">\n\t\t\t<meta itemprop=\"height\" content=\"1888\">\n\t\t<\/span>\n\t\t\t\t<meta itemscope itemprop=\"mainEntityOfPage\" itemtype=\"https:\/\/schema.org\/WebPage\" itemid=\"https:\/\/www.psib-psoe.org\/mallorca\/amanda-fernandez-ja-es-la-secretaria-general-de-la-federacio-socialista-de-mallorc\/\">\n\t<\/aside>\n\t\t<\/article>\n<\/div>\n<div class=\"small-12 large-4 columns\">\n\t<article itemscope itemtype=\"http:\/\/schema.org\/Article\" class=\"post blog-style7 alt post-29542 type-post status-publish format-standard has-post-thumbnail hentry category-federacio-de-mallorca category-federacio-de-mallorca-portada category-municipis category-portada tag-catalina-cladera tag-federacio-socialista-de-mallorca tag-javier-de-juan tag-jose-hila tag-mercedes-garrido tag-psib-psoe\" role=\"article\">\n\t\t<figure class=\"post-gallery\"><img loading=\"lazy\" decoding=\"async\" width=\"600\" height=\"400\" src=\"https:\/\/www.psib-psoe.org\/mallorca\/wp-content\/uploads\/Cladera-Hila-600x400.jpeg\" class=\"attachment-notio-general-x2 size-notio-general-x2 wp-post-image\" alt=\"\" srcset=\"https:\/\/www.psib-psoe.org\/mallorca\/wp-content\/uploads\/Cladera-Hila-600x400.jpeg 600w, https:\/\/www.psib-psoe.org\/mallorca\/wp-content\/uploads\/Cladera-Hila-300x200.jpeg 300w, https:\/\/www.psib-psoe.org\/mallorca\/wp-content\/uploads\/Cladera-Hila-900x600.jpeg 900w, https:\/\/www.psib-psoe.org\/mallorca\/wp-content\/uploads\/Cladera-Hila-20x13.jpeg 20w\" sizes=\"(max-width: 600px) 100vw, 600px\" \/><\/figure>\n\t\t<div class=\"blog-top\">\n\t\t\t<header class=\"post-title entry-header\">\n\t\t\t\t<aside class=\"post-meta cf\">\n\t\t24\/02\/2025 \/ <a href=\"https:\/\/www.psib-psoe.org\/mallorca\/category\/federacio-de-mallorca\/\" rel=\"category tag\">Federaci\u00f3 de Mallorca<\/a>, <a href=\"https:\/\/www.psib-psoe.org\/mallorca\/category\/federacio-de-mallorca-portada\/\" rel=\"category tag\">Federaci\u00f3 de Mallorca - Portada<\/a>, <a href=\"https:\/\/www.psib-psoe.org\/mallorca\/category\/municipis\/\" rel=\"category tag\">Municipis<\/a>, <a href=\"https:\/\/www.psib-psoe.org\/mallorca\/category\/portada\/\" rel=\"category tag\">Portada<\/a><\/aside>\n\t\t\t\t<h3 itemprop=\"headline\"><a href=\"https:\/\/www.psib-psoe.org\/mallorca\/els-socialistes-de-mallorca-reclamen-consens-i-respecte-a-les-mesures-de-mobilitat-sostenible-davant-de-possibles-reclamacions-dun-nou-conveni-de-carreteres\/\" title=\"Els Socialistes de Mallorca reclamen consens i respecte a les mesures de mobilitat sostenible davant de possibles reclamacions d\u2019un nou conveni de carreteres.\">Els Socialistes de Mallorca reclamen consens i respecte a les mesures de mobilitat sostenible davant de possibles reclamacions d\u2019un nou conveni de carreteres.<\/a><\/h3>\n\t\t\t<\/header>\n\t\t<\/div>\n\t\t<div class=\"post-content\">\n\t\t\t<a href=\"https:\/\/www.psib-psoe.org\/mallorca\/els-socialistes-de-mallorca-reclamen-consens-i-respecte-a-les-mesures-de-mobilitat-sostenible-davant-de-possibles-reclamacions-dun-nou-conveni-de-carreteres\/\" class=\"more-link\">Read More<\/a>\n\t\t<\/div>\n\t\t\t<aside class=\"post-bottom-meta hide\">\n\t\t<strong rel=\"author\" itemprop=\"author\" class=\"author vcard\"><span class=\"fn\">Albert<\/span><\/strong>\n\t\t<time class=\"date published time\" datetime=\"2025-02-24T19:15:29+02:00\" itemprop=\"datePublished\" content=\"2025-02-24T19:15:29+02:00\">24\/02\/2025<\/time>\n\t\t<meta itemprop=\"dateModified\" class=\"date updated\" content=\"2025-02-24T19:15:30+02:00\">\n\t\t<span class=\"hide\" itemprop=\"publisher\" itemscope itemtype=\"https:\/\/schema.org\/Organization\">\n\t\t\t<meta itemprop=\"name\" content=\"SocialistesdMca\">\n\t\t\t<span itemprop=\"logo\" itemscope itemtype=\"https:\/\/schema.org\/ImageObject\">\n\t\t\t\t<meta itemprop=\"url\" content=\"https:\/\/www.psib-psoe.org\/mallorca\/wp-content\/themes\/notio-wp\/assets\/img\/logo.png\">\n\t\t\t<\/span>\n\t\t\t<meta itemprop=\"url\" content=\"https:\/\/www.psib-psoe.org\/mallorca\/\">\n\t\t<\/span>\n\t\t\t\t<span class=\"hide\" itemprop=\"image\" itemscope itemtype=\"http:\/\/schema.org\/ImageObject\">\n\t\t\t<meta itemprop=\"url\" content=\"https:\/\/www.psib-psoe.org\/mallorca\/wp-content\/uploads\/Cladera-Hila.jpeg\">\n\t\t\t<meta itemprop=\"width\" content=\"2048\">\n\t\t\t<meta itemprop=\"height\" content=\"1536\">\n\t\t<\/span>\n\t\t\t\t<meta itemscope itemprop=\"mainEntityOfPage\" itemtype=\"https:\/\/schema.org\/WebPage\" itemid=\"https:\/\/www.psib-psoe.org\/mallorca\/els-socialistes-de-mallorca-reclamen-consens-i-respecte-a-les-mesures-de-mobilitat-sostenible-davant-de-possibles-reclamacions-dun-nou-conveni-de-carreteres\/\">\n\t<\/aside>\n\t\t<\/article>\n<\/div>\n<div class=\"small-12 large-4 columns\">\n\t<article itemscope itemtype=\"http:\/\/schema.org\/Article\" class=\"post blog-style7 alt post-29539 type-post status-publish format-standard has-post-thumbnail hentry category-federacio-de-mallorca category-federacio-de-mallorca-portada category-municipis category-portada\" role=\"article\">\n\t\t<figure class=\"post-gallery\"><img loading=\"lazy\" decoding=\"async\" width=\"600\" height=\"400\" src=\"https:\/\/www.psib-psoe.org\/mallorca\/wp-content\/uploads\/210225_Socialistes-de-Bunyola-600x400.jpeg\" class=\"attachment-notio-general-x2 size-notio-general-x2 wp-post-image\" alt=\"\" srcset=\"https:\/\/www.psib-psoe.org\/mallorca\/wp-content\/uploads\/210225_Socialistes-de-Bunyola-600x400.jpeg 600w, https:\/\/www.psib-psoe.org\/mallorca\/wp-content\/uploads\/210225_Socialistes-de-Bunyola-300x200.jpeg 300w, https:\/\/www.psib-psoe.org\/mallorca\/wp-content\/uploads\/210225_Socialistes-de-Bunyola-900x600.jpeg 900w, https:\/\/www.psib-psoe.org\/mallorca\/wp-content\/uploads\/210225_Socialistes-de-Bunyola-20x13.jpeg 20w\" sizes=\"(max-width: 600px) 100vw, 600px\" \/><\/figure>\n\t\t<div class=\"blog-top\">\n\t\t\t<header class=\"post-title entry-header\">\n\t\t\t\t<aside class=\"post-meta cf\">\n\t\t21\/02\/2025 \/ <a href=\"https:\/\/www.psib-psoe.org\/mallorca\/category\/federacio-de-mallorca\/\" rel=\"category tag\">Federaci\u00f3 de Mallorca<\/a>, <a href=\"https:\/\/www.psib-psoe.org\/mallorca\/category\/federacio-de-mallorca-portada\/\" rel=\"category tag\">Federaci\u00f3 de Mallorca - Portada<\/a>, <a href=\"https:\/\/www.psib-psoe.org\/mallorca\/category\/municipis\/\" rel=\"category tag\">Municipis<\/a>, <a href=\"https:\/\/www.psib-psoe.org\/mallorca\/category\/portada\/\" rel=\"category tag\">Portada<\/a><\/aside>\n\t\t\t\t<h3 itemprop=\"headline\"><a href=\"https:\/\/www.psib-psoe.org\/mallorca\/els-socialistes-de-bunyola-mostren-la-seva-preocupacio-per-les-consequencies-de-lenfrontament-entre-el-pp-i-somavi\/\" title=\"Els Socialistes de Bunyola mostren la seva \u201cpreocupaci\u00f3\u201d per les conseq\u00fc\u00e8ncies de l\u2019enfrontament entre el PP i SOMAvi\">Els Socialistes de Bunyola mostren la seva \u201cpreocupaci\u00f3\u201d per les conseq\u00fc\u00e8ncies de l\u2019enfrontament entre el PP i SOMAvi<\/a><\/h3>\n\t\t\t<\/header>\n\t\t<\/div>\n\t\t<div class=\"post-content\">\n\t\t\t<a href=\"https:\/\/www.psib-psoe.org\/mallorca\/els-socialistes-de-bunyola-mostren-la-seva-preocupacio-per-les-consequencies-de-lenfrontament-entre-el-pp-i-somavi\/\" class=\"more-link\">Read More<\/a>\n\t\t<\/div>\n\t\t\t<aside class=\"post-bottom-meta hide\">\n\t\t<strong rel=\"author\" itemprop=\"author\" class=\"author vcard\"><span class=\"fn\">Marc<\/span><\/strong>\n\t\t<time class=\"date published time\" datetime=\"2025-02-21T13:12:41+02:00\" itemprop=\"datePublished\" content=\"2025-02-21T13:12:41+02:00\">21\/02\/2025<\/time>\n\t\t<meta itemprop=\"dateModified\" class=\"date updated\" content=\"2025-02-21T13:12:43+02:00\">\n\t\t<span class=\"hide\" itemprop=\"publisher\" itemscope itemtype=\"https:\/\/schema.org\/Organization\">\n\t\t\t<meta itemprop=\"name\" content=\"SocialistesdMca\">\n\t\t\t<span itemprop=\"logo\" itemscope itemtype=\"https:\/\/schema.org\/ImageObject\">\n\t\t\t\t<meta itemprop=\"url\" content=\"https:\/\/www.psib-psoe.org\/mallorca\/wp-content\/themes\/notio-wp\/assets\/img\/logo.png\">\n\t\t\t<\/span>\n\t\t\t<meta itemprop=\"url\" content=\"https:\/\/www.psib-psoe.org\/mallorca\/\">\n\t\t<\/span>\n\t\t\t\t<span class=\"hide\" itemprop=\"image\" itemscope itemtype=\"http:\/\/schema.org\/ImageObject\">\n\t\t\t<meta itemprop=\"url\" content=\"https:\/\/www.psib-psoe.org\/mallorca\/wp-content\/uploads\/210225_Socialistes-de-Bunyola.jpeg\">\n\t\t\t<meta itemprop=\"width\" content=\"2048\">\n\t\t\t<meta itemprop=\"height\" content=\"1536\">\n\t\t<\/span>\n\t\t\t\t<meta itemscope itemprop=\"mainEntityOfPage\" itemtype=\"https:\/\/schema.org\/WebPage\" itemid=\"https:\/\/www.psib-psoe.org\/mallorca\/els-socialistes-de-bunyola-mostren-la-seva-preocupacio-per-les-consequencies-de-lenfrontament-entre-el-pp-i-somavi\/\">\n\t<\/aside>\n\t\t<\/article>\n<\/div>\n<div class=\"small-12 large-4 columns\">\n\t<article itemscope itemtype=\"http:\/\/schema.org\/Article\" class=\"post blog-style7 alt post-29529 type-post status-publish format-standard has-post-thumbnail hentry category-federacio-de-mallorca category-federacio-de-mallorca-portada category-municipis category-portada tag-catalina-cladera tag-federacio-socialista-de-mallorca tag-javier-de-juan tag-mercedes-garrido tag-psib-psoe tag-sofia-alonso\" role=\"article\">\n\t\t<figure class=\"post-gallery\"><img loading=\"lazy\" decoding=\"async\" width=\"600\" height=\"400\" src=\"https:\/\/www.psib-psoe.org\/mallorca\/wp-content\/uploads\/Javier-Cas-Riera-200225-600x400.jpeg\" class=\"attachment-notio-general-x2 size-notio-general-x2 wp-post-image\" alt=\"\" srcset=\"https:\/\/www.psib-psoe.org\/mallorca\/wp-content\/uploads\/Javier-Cas-Riera-200225-600x400.jpeg 600w, https:\/\/www.psib-psoe.org\/mallorca\/wp-content\/uploads\/Javier-Cas-Riera-200225-300x200.jpeg 300w, https:\/\/www.psib-psoe.org\/mallorca\/wp-content\/uploads\/Javier-Cas-Riera-200225-900x600.jpeg 900w, https:\/\/www.psib-psoe.org\/mallorca\/wp-content\/uploads\/Javier-Cas-Riera-200225-20x13.jpeg 20w\" sizes=\"(max-width: 600px) 100vw, 600px\" \/><\/figure>\n\t\t<div class=\"blog-top\">\n\t\t\t<header class=\"post-title entry-header\">\n\t\t\t\t<aside class=\"post-meta cf\">\n\t\t20\/02\/2025 \/ <a href=\"https:\/\/www.psib-psoe.org\/mallorca\/category\/federacio-de-mallorca\/\" rel=\"category tag\">Federaci\u00f3 de Mallorca<\/a>, <a href=\"https:\/\/www.psib-psoe.org\/mallorca\/category\/federacio-de-mallorca-portada\/\" rel=\"category tag\">Federaci\u00f3 de Mallorca - Portada<\/a>, <a href=\"https:\/\/www.psib-psoe.org\/mallorca\/category\/municipis\/\" rel=\"category tag\">Municipis<\/a>, <a href=\"https:\/\/www.psib-psoe.org\/mallorca\/category\/portada\/\" rel=\"category tag\">Portada<\/a><\/aside>\n\t\t\t\t<h3 itemprop=\"headline\"><a href=\"https:\/\/www.psib-psoe.org\/mallorca\/javier-de-juan-el-cas-nuria-riera-ja-sha-convertit-en-lescandol-galmes\/\" title=\"Javier de Juan: \u201cel Cas N\u00faria Riera ja s\u2019ha convertit en l\u2019esc\u00e0ndol Galm\u00e9s\u201d.\">Javier de Juan: \u201cel Cas N\u00faria Riera ja s\u2019ha convertit en l\u2019esc\u00e0ndol Galm\u00e9s\u201d.<\/a><\/h3>\n\t\t\t<\/header>\n\t\t<\/div>\n\t\t<div class=\"post-content\">\n\t\t\t<a href=\"https:\/\/www.psib-psoe.org\/mallorca\/javier-de-juan-el-cas-nuria-riera-ja-sha-convertit-en-lescandol-galmes\/\" class=\"more-link\">Read More<\/a>\n\t\t<\/div>\n\t\t\t<aside class=\"post-bottom-meta hide\">\n\t\t<strong rel=\"author\" itemprop=\"author\" class=\"author vcard\"><span class=\"fn\">Albert<\/span><\/strong>\n\t\t<time class=\"date published time\" datetime=\"2025-02-20T14:13:01+02:00\" itemprop=\"datePublished\" content=\"2025-02-20T14:13:01+02:00\">20\/02\/2025<\/time>\n\t\t<meta itemprop=\"dateModified\" class=\"date updated\" content=\"2025-02-20T14:40:47+02:00\">\n\t\t<span class=\"hide\" itemprop=\"publisher\" itemscope itemtype=\"https:\/\/schema.org\/Organization\">\n\t\t\t<meta itemprop=\"name\" content=\"SocialistesdMca\">\n\t\t\t<span itemprop=\"logo\" itemscope itemtype=\"https:\/\/schema.org\/ImageObject\">\n\t\t\t\t<meta itemprop=\"url\" content=\"https:\/\/www.psib-psoe.org\/mallorca\/wp-content\/themes\/notio-wp\/assets\/img\/logo.png\">\n\t\t\t<\/span>\n\t\t\t<meta itemprop=\"url\" content=\"https:\/\/www.psib-psoe.org\/mallorca\/\">\n\t\t<\/span>\n\t\t\t\t<span class=\"hide\" itemprop=\"image\" itemscope itemtype=\"http:\/\/schema.org\/ImageObject\">\n\t\t\t<meta itemprop=\"url\" content=\"https:\/\/www.psib-psoe.org\/mallorca\/wp-content\/uploads\/Javier-Cas-Riera-200225.jpeg\">\n\t\t\t<meta itemprop=\"width\" content=\"1600\">\n\t\t\t<meta itemprop=\"height\" content=\"1200\">\n\t\t<\/span>\n\t\t\t\t<meta itemscope itemprop=\"mainEntityOfPage\" itemtype=\"https:\/\/schema.org\/WebPage\" itemid=\"https:\/\/www.psib-psoe.org\/mallorca\/javier-de-juan-el-cas-nuria-riera-ja-sha-convertit-en-lescandol-galmes\/\">\n\t<\/aside>\n\t\t<\/article>\n<\/div>\n<div class=\"small-12 large-4 columns\">\n\t<article itemscope itemtype=\"http:\/\/schema.org\/Article\" class=\"post blog-style7 alt post-29518 type-post status-publish format-standard has-post-thumbnail hentry category-15e-congres-fsm category-federacio-de-mallorca category-federacio-de-mallorca-portada category-municipis category-portada tag-antonia-sastre-2 tag-catalina-cladera tag-federacio-socialista-de-mallorca tag-javier-de-juan tag-miquel-cabot tag-patricia-gomez-2 tag-psib-psoe tag-sofia-alonso\" role=\"article\">\n\t\t<figure class=\"post-gallery\"><img loading=\"lazy\" decoding=\"async\" width=\"600\" height=\"400\" src=\"https:\/\/www.psib-psoe.org\/mallorca\/wp-content\/uploads\/Consell-Politic-190225-1-600x400.jpeg\" class=\"attachment-notio-general-x2 size-notio-general-x2 wp-post-image\" alt=\"\" srcset=\"https:\/\/www.psib-psoe.org\/mallorca\/wp-content\/uploads\/Consell-Politic-190225-1-600x400.jpeg 600w, https:\/\/www.psib-psoe.org\/mallorca\/wp-content\/uploads\/Consell-Politic-190225-1-300x200.jpeg 300w, https:\/\/www.psib-psoe.org\/mallorca\/wp-content\/uploads\/Consell-Politic-190225-1-1024x682.jpeg 1024w, https:\/\/www.psib-psoe.org\/mallorca\/wp-content\/uploads\/Consell-Politic-190225-1-768x512.jpeg 768w, https:\/\/www.psib-psoe.org\/mallorca\/wp-content\/uploads\/Consell-Politic-190225-1-1536x1023.jpeg 1536w, https:\/\/www.psib-psoe.org\/mallorca\/wp-content\/uploads\/Consell-Politic-190225-1-150x100.jpeg 150w, https:\/\/www.psib-psoe.org\/mallorca\/wp-content\/uploads\/Consell-Politic-190225-1-900x600.jpeg 900w, https:\/\/www.psib-psoe.org\/mallorca\/wp-content\/uploads\/Consell-Politic-190225-1-20x13.jpeg 20w, https:\/\/www.psib-psoe.org\/mallorca\/wp-content\/uploads\/Consell-Politic-190225-1.jpeg 1600w\" sizes=\"(max-width: 600px) 100vw, 600px\" \/><\/figure>\n\t\t<div class=\"blog-top\">\n\t\t\t<header class=\"post-title entry-header\">\n\t\t\t\t<aside class=\"post-meta cf\">\n\t\t19\/02\/2025 \/ <a href=\"https:\/\/www.psib-psoe.org\/mallorca\/category\/15e-congres-fsm\/\" rel=\"category tag\">15\u00e8 Congr\u00e9s FSM<\/a>, <a href=\"https:\/\/www.psib-psoe.org\/mallorca\/category\/federacio-de-mallorca\/\" rel=\"category tag\">Federaci\u00f3 de Mallorca<\/a>, <a href=\"https:\/\/www.psib-psoe.org\/mallorca\/category\/federacio-de-mallorca-portada\/\" rel=\"category tag\">Federaci\u00f3 de Mallorca - Portada<\/a>, <a href=\"https:\/\/www.psib-psoe.org\/mallorca\/category\/municipis\/\" rel=\"category tag\">Municipis<\/a>, <a href=\"https:\/\/www.psib-psoe.org\/mallorca\/category\/portada\/\" rel=\"category tag\">Portada<\/a><\/aside>\n\t\t\t\t<h3 itemprop=\"headline\"><a href=\"https:\/\/www.psib-psoe.org\/mallorca\/el-consell-politic-de-la-fsm-obre-el-cami-de-la-renovacio-cap-al-15e-congres-de-la-formacio\/\" title=\"El Consell Pol\u00edtic de la FSM obre el cam\u00ed de la renovaci\u00f3 cap al 15\u00e8 Congr\u00e9s de la formaci\u00f3.\">El Consell Pol\u00edtic de la FSM obre el cam\u00ed de la renovaci\u00f3 cap al 15\u00e8 Congr\u00e9s de la formaci\u00f3.<\/a><\/h3>\n\t\t\t<\/header>\n\t\t<\/div>\n\t\t<div class=\"post-content\">\n\t\t\t<a href=\"https:\/\/www.psib-psoe.org\/mallorca\/el-consell-politic-de-la-fsm-obre-el-cami-de-la-renovacio-cap-al-15e-congres-de-la-formacio\/\" class=\"more-link\">Read More<\/a>\n\t\t<\/div>\n\t\t\t<aside class=\"post-bottom-meta hide\">\n\t\t<strong rel=\"author\" itemprop=\"author\" class=\"author vcard\"><span class=\"fn\">Albert<\/span><\/strong>\n\t\t<time class=\"date published time\" datetime=\"2025-02-19T21:25:32+02:00\" itemprop=\"datePublished\" content=\"2025-02-19T21:25:32+02:00\">19\/02\/2025<\/time>\n\t\t<meta itemprop=\"dateModified\" class=\"date updated\" content=\"2025-02-19T23:31:04+02:00\">\n\t\t<span class=\"hide\" itemprop=\"publisher\" itemscope itemtype=\"https:\/\/schema.org\/Organization\">\n\t\t\t<meta itemprop=\"name\" content=\"SocialistesdMca\">\n\t\t\t<span itemprop=\"logo\" itemscope itemtype=\"https:\/\/schema.org\/ImageObject\">\n\t\t\t\t<meta itemprop=\"url\" content=\"https:\/\/www.psib-psoe.org\/mallorca\/wp-content\/themes\/notio-wp\/assets\/img\/logo.png\">\n\t\t\t<\/span>\n\t\t\t<meta itemprop=\"url\" content=\"https:\/\/www.psib-psoe.org\/mallorca\/\">\n\t\t<\/span>\n\t\t\t\t<span class=\"hide\" itemprop=\"image\" itemscope itemtype=\"http:\/\/schema.org\/ImageObject\">\n\t\t\t<meta itemprop=\"url\" content=\"https:\/\/www.psib-psoe.org\/mallorca\/wp-content\/uploads\/Consell-Politic-190225-1.jpeg\">\n\t\t\t<meta itemprop=\"width\" content=\"1600\">\n\t\t\t<meta itemprop=\"height\" content=\"1066\">\n\t\t<\/span>\n\t\t\t\t<meta itemscope itemprop=\"mainEntityOfPage\" itemtype=\"https:\/\/schema.org\/WebPage\" itemid=\"https:\/\/www.psib-psoe.org\/mallorca\/el-consell-politic-de-la-fsm-obre-el-cami-de-la-renovacio-cap-al-15e-congres-de-la-formacio\/\">\n\t<\/aside>\n\t\t<\/article>\n<\/div>\n<div class=\"small-12 large-4 columns\">\n\t<article itemscope itemtype=\"http:\/\/schema.org\/Article\" class=\"post blog-style7 alt post-29516 type-post status-publish format-standard has-post-thumbnail hentry category-federacio-de-mallorca category-federacio-de-mallorca-portada category-municipis category-portada tag-catalina-cladera tag-federacio-socialista-de-mallorca tag-imas tag-javier-de-juan tag-psib-psoe tag-sofia-alonso\" role=\"article\">\n\t\t<figure class=\"post-gallery\"><img loading=\"lazy\" decoding=\"async\" width=\"600\" height=\"400\" src=\"https:\/\/www.psib-psoe.org\/mallorca\/wp-content\/uploads\/040424-Foto-arxiu-Sofia-Alonso-600x400.jpg\" class=\"attachment-notio-general-x2 size-notio-general-x2 wp-post-image\" alt=\"\" srcset=\"https:\/\/www.psib-psoe.org\/mallorca\/wp-content\/uploads\/040424-Foto-arxiu-Sofia-Alonso-600x400.jpg 600w, https:\/\/www.psib-psoe.org\/mallorca\/wp-content\/uploads\/040424-Foto-arxiu-Sofia-Alonso-300x200.jpg 300w, https:\/\/www.psib-psoe.org\/mallorca\/wp-content\/uploads\/040424-Foto-arxiu-Sofia-Alonso-900x600.jpg 900w, https:\/\/www.psib-psoe.org\/mallorca\/wp-content\/uploads\/040424-Foto-arxiu-Sofia-Alonso-20x13.jpg 20w\" sizes=\"(max-width: 600px) 100vw, 600px\" \/><\/figure>\n\t\t<div class=\"blog-top\">\n\t\t\t<header class=\"post-title entry-header\">\n\t\t\t\t<aside class=\"post-meta cf\">\n\t\t19\/02\/2025 \/ <a href=\"https:\/\/www.psib-psoe.org\/mallorca\/category\/federacio-de-mallorca\/\" rel=\"category tag\">Federaci\u00f3 de Mallorca<\/a>, <a href=\"https:\/\/www.psib-psoe.org\/mallorca\/category\/federacio-de-mallorca-portada\/\" rel=\"category tag\">Federaci\u00f3 de Mallorca - Portada<\/a>, <a href=\"https:\/\/www.psib-psoe.org\/mallorca\/category\/municipis\/\" rel=\"category tag\">Municipis<\/a>, <a href=\"https:\/\/www.psib-psoe.org\/mallorca\/category\/portada\/\" rel=\"category tag\">Portada<\/a><\/aside>\n\t\t\t\t<h3 itemprop=\"headline\"><a href=\"https:\/\/www.psib-psoe.org\/mallorca\/el-grup-socialista-reclama-informacio-al-consell-rector-sobre-el-cas-dexplotacio-sexual-infantil-a-una-menor-tutelada-per-limas\/\" title=\"El Grup Socialista reclama informaci\u00f3 al Consell Rector sobre el cas d\u2019explotaci\u00f3 sexual infantil a una menor tutelada per l\u2019IMAS.\">El Grup Socialista reclama informaci\u00f3 al Consell Rector sobre el cas d\u2019explotaci\u00f3 sexual infantil a una menor tutelada per l\u2019IMAS.<\/a><\/h3>\n\t\t\t<\/header>\n\t\t<\/div>\n\t\t<div class=\"post-content\">\n\t\t\t<a href=\"https:\/\/www.psib-psoe.org\/mallorca\/el-grup-socialista-reclama-informacio-al-consell-rector-sobre-el-cas-dexplotacio-sexual-infantil-a-una-menor-tutelada-per-limas\/\" class=\"more-link\">Read More<\/a>\n\t\t<\/div>\n\t\t\t<aside class=\"post-bottom-meta hide\">\n\t\t<strong rel=\"author\" itemprop=\"author\" class=\"author vcard\"><span class=\"fn\">Albert<\/span><\/strong>\n\t\t<time class=\"date published time\" datetime=\"2025-02-19T18:23:48+02:00\" itemprop=\"datePublished\" content=\"2025-02-19T18:23:48+02:00\">19\/02\/2025<\/time>\n\t\t<meta itemprop=\"dateModified\" class=\"date updated\" content=\"2025-02-19T18:23:50+02:00\">\n\t\t<span class=\"hide\" itemprop=\"publisher\" itemscope itemtype=\"https:\/\/schema.org\/Organization\">\n\t\t\t<meta itemprop=\"name\" content=\"SocialistesdMca\">\n\t\t\t<span itemprop=\"logo\" itemscope itemtype=\"https:\/\/schema.org\/ImageObject\">\n\t\t\t\t<meta itemprop=\"url\" content=\"https:\/\/www.psib-psoe.org\/mallorca\/wp-content\/themes\/notio-wp\/assets\/img\/logo.png\">\n\t\t\t<\/span>\n\t\t\t<meta itemprop=\"url\" content=\"https:\/\/www.psib-psoe.org\/mallorca\/\">\n\t\t<\/span>\n\t\t\t\t<span class=\"hide\" itemprop=\"image\" itemscope itemtype=\"http:\/\/schema.org\/ImageObject\">\n\t\t\t<meta itemprop=\"url\" content=\"https:\/\/www.psib-psoe.org\/mallorca\/wp-content\/uploads\/040424-Foto-arxiu-Sofia-Alonso.jpg\">\n\t\t\t<meta itemprop=\"width\" content=\"2902\">\n\t\t\t<meta itemprop=\"height\" content=\"2480\">\n\t\t<\/span>\n\t\t\t\t<meta itemscope itemprop=\"mainEntityOfPage\" itemtype=\"https:\/\/schema.org\/WebPage\" itemid=\"https:\/\/www.psib-psoe.org\/mallorca\/el-grup-socialista-reclama-informacio-al-consell-rector-sobre-el-cas-dexplotacio-sexual-infantil-a-una-menor-tutelada-per-limas\/\">\n\t<\/aside>\n\t\t<\/article>\n<\/div>\n<div class=\"small-12 large-4 columns\">\n\t<article itemscope itemtype=\"http:\/\/schema.org\/Article\" class=\"post blog-style7 alt post-29504 type-post status-publish format-standard has-post-thumbnail hentry category-federacio-de-mallorca category-federacio-de-mallorca-portada category-municipis category-portada tag-alcudia tag-barbara-rebassa tag-federacio-socialista-de-mallorca tag-joan-gaspar-vallori tag-psib-psoe tag-socialistes-alcudia\" role=\"article\">\n\t\t<figure class=\"post-gallery\"><img loading=\"lazy\" decoding=\"async\" width=\"600\" height=\"400\" src=\"https:\/\/www.psib-psoe.org\/mallorca\/wp-content\/uploads\/280125_FOTO-ARXIU-SOCIALISTES-ALCUDIA-600x400.jpg\" class=\"attachment-notio-general-x2 size-notio-general-x2 wp-post-image\" alt=\"\" srcset=\"https:\/\/www.psib-psoe.org\/mallorca\/wp-content\/uploads\/280125_FOTO-ARXIU-SOCIALISTES-ALCUDIA-600x400.jpg 600w, https:\/\/www.psib-psoe.org\/mallorca\/wp-content\/uploads\/280125_FOTO-ARXIU-SOCIALISTES-ALCUDIA-300x200.jpg 300w, https:\/\/www.psib-psoe.org\/mallorca\/wp-content\/uploads\/280125_FOTO-ARXIU-SOCIALISTES-ALCUDIA-900x600.jpg 900w, https:\/\/www.psib-psoe.org\/mallorca\/wp-content\/uploads\/280125_FOTO-ARXIU-SOCIALISTES-ALCUDIA-20x13.jpg 20w\" sizes=\"(max-width: 600px) 100vw, 600px\" \/><\/figure>\n\t\t<div class=\"blog-top\">\n\t\t\t<header class=\"post-title entry-header\">\n\t\t\t\t<aside class=\"post-meta cf\">\n\t\t19\/02\/2025 \/ <a href=\"https:\/\/www.psib-psoe.org\/mallorca\/category\/federacio-de-mallorca\/\" rel=\"category tag\">Federaci\u00f3 de Mallorca<\/a>, <a href=\"https:\/\/www.psib-psoe.org\/mallorca\/category\/federacio-de-mallorca-portada\/\" rel=\"category tag\">Federaci\u00f3 de Mallorca - Portada<\/a>, <a href=\"https:\/\/www.psib-psoe.org\/mallorca\/category\/municipis\/\" rel=\"category tag\">Municipis<\/a>, <a href=\"https:\/\/www.psib-psoe.org\/mallorca\/category\/portada\/\" rel=\"category tag\">Portada<\/a><\/aside>\n\t\t\t\t<h3 itemprop=\"headline\"><a href=\"https:\/\/www.psib-psoe.org\/mallorca\/els-socialistes-dalcudia-exigeixen-a-la-batlessa-que-expliqui-tota-la-veritat-sobre-les-causes-de-la-destitucio-fulminant-del-regidor-de-vox\/\" title=\"Els Socialistes d\u2019Alc\u00fadia exigeixen a la batlessa que expliqui \u201ctota la veritat\u201d sobre les causes de la destituci\u00f3 fulminant del regidor de Vox.\">Els Socialistes d\u2019Alc\u00fadia exigeixen a la batlessa que expliqui \u201ctota la veritat\u201d sobre les causes de la destituci\u00f3 fulminant del regidor de Vox.<\/a><\/h3>\n\t\t\t<\/header>\n\t\t<\/div>\n\t\t<div class=\"post-content\">\n\t\t\t<a href=\"https:\/\/www.psib-psoe.org\/mallorca\/els-socialistes-dalcudia-exigeixen-a-la-batlessa-que-expliqui-tota-la-veritat-sobre-les-causes-de-la-destitucio-fulminant-del-regidor-de-vox\/\" class=\"more-link\">Read More<\/a>\n\t\t<\/div>\n\t\t\t<aside class=\"post-bottom-meta hide\">\n\t\t<strong rel=\"author\" itemprop=\"author\" class=\"author vcard\"><span class=\"fn\">Albert<\/span><\/strong>\n\t\t<time class=\"date published time\" datetime=\"2025-02-19T11:49:28+02:00\" itemprop=\"datePublished\" content=\"2025-02-19T11:49:28+02:00\">19\/02\/2025<\/time>\n\t\t<meta itemprop=\"dateModified\" class=\"date updated\" content=\"2025-02-19T11:49:30+02:00\">\n\t\t<span class=\"hide\" itemprop=\"publisher\" itemscope itemtype=\"https:\/\/schema.org\/Organization\">\n\t\t\t<meta itemprop=\"name\" content=\"SocialistesdMca\">\n\t\t\t<span itemprop=\"logo\" itemscope itemtype=\"https:\/\/schema.org\/ImageObject\">\n\t\t\t\t<meta itemprop=\"url\" content=\"https:\/\/www.psib-psoe.org\/mallorca\/wp-content\/themes\/notio-wp\/assets\/img\/logo.png\">\n\t\t\t<\/span>\n\t\t\t<meta itemprop=\"url\" content=\"https:\/\/www.psib-psoe.org\/mallorca\/\">\n\t\t<\/span>\n\t\t\t\t<span class=\"hide\" itemprop=\"image\" itemscope itemtype=\"http:\/\/schema.org\/ImageObject\">\n\t\t\t<meta itemprop=\"url\" content=\"https:\/\/www.psib-psoe.org\/mallorca\/wp-content\/uploads\/280125_FOTO-ARXIU-SOCIALISTES-ALCUDIA.jpg\">\n\t\t\t<meta itemprop=\"width\" content=\"1536\">\n\t\t\t<meta itemprop=\"height\" content=\"2048\">\n\t\t<\/span>\n\t\t\t\t<meta itemscope itemprop=\"mainEntityOfPage\" itemtype=\"https:\/\/schema.org\/WebPage\" itemid=\"https:\/\/www.psib-psoe.org\/mallorca\/els-socialistes-dalcudia-exigeixen-a-la-batlessa-que-expliqui-tota-la-veritat-sobre-les-causes-de-la-destitucio-fulminant-del-regidor-de-vox\/\">\n\t<\/aside>\n\t\t<\/article>\n<\/div>\n<div class=\"small-12 large-4 columns\">\n\t<article itemscope itemtype=\"http:\/\/schema.org\/Article\" class=\"post blog-style7 alt post-29497 type-post status-publish format-standard has-post-thumbnail hentry category-consell-de-mallorca category-federacio-de-mallorca category-federacio-de-mallorca-portada category-portada tag-catalina-cladera tag-consell-de-mallorca tag-federacio-socialista-de-mallorca tag-javier-de-juan tag-joan-ferrer tag-psib-psoe\" role=\"article\">\n\t\t<figure class=\"post-gallery\"><img loading=\"lazy\" decoding=\"async\" width=\"600\" height=\"400\" src=\"https:\/\/www.psib-psoe.org\/mallorca\/wp-content\/uploads\/131224-Foto-Cati-canutazo-1-600x400.jpeg\" class=\"attachment-notio-general-x2 size-notio-general-x2 wp-post-image\" alt=\"\" srcset=\"https:\/\/www.psib-psoe.org\/mallorca\/wp-content\/uploads\/131224-Foto-Cati-canutazo-1-600x400.jpeg 600w, https:\/\/www.psib-psoe.org\/mallorca\/wp-content\/uploads\/131224-Foto-Cati-canutazo-1-300x200.jpeg 300w, https:\/\/www.psib-psoe.org\/mallorca\/wp-content\/uploads\/131224-Foto-Cati-canutazo-1-900x600.jpeg 900w, https:\/\/www.psib-psoe.org\/mallorca\/wp-content\/uploads\/131224-Foto-Cati-canutazo-1-20x13.jpeg 20w\" sizes=\"(max-width: 600px) 100vw, 600px\" \/><\/figure>\n\t\t<div class=\"blog-top\">\n\t\t\t<header class=\"post-title entry-header\">\n\t\t\t\t<aside class=\"post-meta cf\">\n\t\t18\/02\/2025 \/ <a href=\"https:\/\/www.psib-psoe.org\/mallorca\/category\/consell-de-mallorca\/\" rel=\"category tag\">Consell de Mallorca<\/a>, <a href=\"https:\/\/www.psib-psoe.org\/mallorca\/category\/federacio-de-mallorca\/\" rel=\"category tag\">Federaci\u00f3 de Mallorca<\/a>, <a href=\"https:\/\/www.psib-psoe.org\/mallorca\/category\/federacio-de-mallorca-portada\/\" rel=\"category tag\">Federaci\u00f3 de Mallorca - Portada<\/a>, <a href=\"https:\/\/www.psib-psoe.org\/mallorca\/category\/portada\/\" rel=\"category tag\">Portada<\/a><\/aside>\n\t\t\t\t<h3 itemprop=\"headline\"><a href=\"https:\/\/www.psib-psoe.org\/mallorca\/cladera-exigim-que-el-consell-de-mallorca-compri-la-finca-i-el-jaciment-dalmallutx\/\" title=\"Cladera: \u201cexigim que el Consell de Mallorca compri la finca i el jaciment d\u2019Almallutx\u201d\u00a0 \u00a0\u00a0\u00a0 \u00a0\">Cladera: \u201cexigim que el Consell de Mallorca compri la finca i el jaciment d\u2019Almallutx\u201d\u00a0 \u00a0\u00a0\u00a0 \u00a0<\/a><\/h3>\n\t\t\t<\/header>\n\t\t<\/div>\n\t\t<div class=\"post-content\">\n\t\t\t<a href=\"https:\/\/www.psib-psoe.org\/mallorca\/cladera-exigim-que-el-consell-de-mallorca-compri-la-finca-i-el-jaciment-dalmallutx\/\" class=\"more-link\">Read More<\/a>\n\t\t<\/div>\n\t\t\t<aside class=\"post-bottom-meta hide\">\n\t\t<strong rel=\"author\" itemprop=\"author\" class=\"author vcard\"><span class=\"fn\">Albert<\/span><\/strong>\n\t\t<time class=\"date published time\" datetime=\"2025-02-18T14:17:45+02:00\" itemprop=\"datePublished\" content=\"2025-02-18T14:17:45+02:00\">18\/02\/2025<\/time>\n\t\t<meta itemprop=\"dateModified\" class=\"date updated\" content=\"2025-02-19T23:30:16+02:00\">\n\t\t<span class=\"hide\" itemprop=\"publisher\" itemscope itemtype=\"https:\/\/schema.org\/Organization\">\n\t\t\t<meta itemprop=\"name\" content=\"SocialistesdMca\">\n\t\t\t<span itemprop=\"logo\" itemscope itemtype=\"https:\/\/schema.org\/ImageObject\">\n\t\t\t\t<meta itemprop=\"url\" content=\"https:\/\/www.psib-psoe.org\/mallorca\/wp-content\/themes\/notio-wp\/assets\/img\/logo.png\">\n\t\t\t<\/span>\n\t\t\t<meta itemprop=\"url\" content=\"https:\/\/www.psib-psoe.org\/mallorca\/\">\n\t\t<\/span>\n\t\t\t\t<span class=\"hide\" itemprop=\"image\" itemscope itemtype=\"http:\/\/schema.org\/ImageObject\">\n\t\t\t<meta itemprop=\"url\" content=\"https:\/\/www.psib-psoe.org\/mallorca\/wp-content\/uploads\/131224-Foto-Cati-canutazo-1.jpeg\">\n\t\t\t<meta itemprop=\"width\" content=\"2048\">\n\t\t\t<meta itemprop=\"height\" content=\"1536\">\n\t\t<\/span>\n\t\t\t\t<meta itemscope itemprop=\"mainEntityOfPage\" itemtype=\"https:\/\/schema.org\/WebPage\" itemid=\"https:\/\/www.psib-psoe.org\/mallorca\/cladera-exigim-que-el-consell-de-mallorca-compri-la-finca-i-el-jaciment-dalmallutx\/\">\n\t<\/aside>\n\t\t<\/article>\n<\/div>\n<div class=\"small-12 large-4 columns\">\n\t<article itemscope itemtype=\"http:\/\/schema.org\/Article\" class=\"post blog-style7 alt post-29471 type-post status-publish format-standard has-post-thumbnail hentry category-15e-congres-fsm category-consell-de-mallorca category-federacio-de-mallorca category-federacio-de-mallorca-portada category-portada tag-bea-gamundi tag-catalina-cladera tag-consell-de-mallorca tag-federacio-socialista-de-mallorca tag-francina-armengol tag-javier-de-juan tag-patricia-gomez-2 tag-psib-psoe tag-sofia-alonso\" role=\"article\">\n\t\t<figure class=\"post-gallery\"><img loading=\"lazy\" decoding=\"async\" width=\"600\" height=\"400\" src=\"https:\/\/www.psib-psoe.org\/mallorca\/wp-content\/uploads\/Foto-Cladera-600x400.jpeg\" class=\"attachment-notio-general-x2 size-notio-general-x2 wp-post-image\" alt=\"\" srcset=\"https:\/\/www.psib-psoe.org\/mallorca\/wp-content\/uploads\/Foto-Cladera-600x400.jpeg 600w, https:\/\/www.psib-psoe.org\/mallorca\/wp-content\/uploads\/Foto-Cladera-300x200.jpeg 300w, https:\/\/www.psib-psoe.org\/mallorca\/wp-content\/uploads\/Foto-Cladera-900x600.jpeg 900w, https:\/\/www.psib-psoe.org\/mallorca\/wp-content\/uploads\/Foto-Cladera-20x13.jpeg 20w\" sizes=\"(max-width: 600px) 100vw, 600px\" \/><\/figure>\n\t\t<div class=\"blog-top\">\n\t\t\t<header class=\"post-title entry-header\">\n\t\t\t\t<aside class=\"post-meta cf\">\n\t\t14\/02\/2025 \/ <a href=\"https:\/\/www.psib-psoe.org\/mallorca\/category\/15e-congres-fsm\/\" rel=\"category tag\">15\u00e8 Congr\u00e9s FSM<\/a>, <a href=\"https:\/\/www.psib-psoe.org\/mallorca\/category\/consell-de-mallorca\/\" rel=\"category tag\">Consell de Mallorca<\/a>, <a href=\"https:\/\/www.psib-psoe.org\/mallorca\/category\/federacio-de-mallorca\/\" rel=\"category tag\">Federaci\u00f3 de Mallorca<\/a>, <a href=\"https:\/\/www.psib-psoe.org\/mallorca\/category\/federacio-de-mallorca-portada\/\" rel=\"category tag\">Federaci\u00f3 de Mallorca - Portada<\/a>, <a href=\"https:\/\/www.psib-psoe.org\/mallorca\/category\/portada\/\" rel=\"category tag\">Portada<\/a><\/aside>\n\t\t\t\t<h3 itemprop=\"headline\"><a href=\"https:\/\/www.psib-psoe.org\/mallorca\/catalina-cladera-no-renovara-la-secretaria-general-de-la-federacio-socialista-de-mallorca-i-sincorpora-a-lequip-autonomic-que-lidera-francina-armengol\/\" title=\"Catalina Cladera no renovar\u00e0 la secretaria general de la Federaci\u00f3 Socialista de Mallorca i s\u2019incorpora a l\u2019equip auton\u00f2mic que lidera Francina Armengol.\u00a0 \u00a0\u00a0\u00a0 \u00a0\">Catalina Cladera no renovar\u00e0 la secretaria general de la Federaci\u00f3 Socialista de Mallorca i s\u2019incorpora a l\u2019equip auton\u00f2mic que lidera Francina Armengol.\u00a0 \u00a0\u00a0\u00a0 \u00a0<\/a><\/h3>\n\t\t\t<\/header>\n\t\t<\/div>\n\t\t<div class=\"post-content\">\n\t\t\t<a href=\"https:\/\/www.psib-psoe.org\/mallorca\/catalina-cladera-no-renovara-la-secretaria-general-de-la-federacio-socialista-de-mallorca-i-sincorpora-a-lequip-autonomic-que-lidera-francina-armengol\/\" class=\"more-link\">Read More<\/a>\n\t\t<\/div>\n\t\t\t<aside class=\"post-bottom-meta hide\">\n\t\t<strong rel=\"author\" itemprop=\"author\" class=\"author vcard\"><span class=\"fn\">Albert<\/span><\/strong>\n\t\t<time class=\"date published time\" datetime=\"2025-02-14T13:32:16+02:00\" itemprop=\"datePublished\" content=\"2025-02-14T13:32:16+02:00\">14\/02\/2025<\/time>\n\t\t<meta itemprop=\"dateModified\" class=\"date updated\" content=\"2025-02-17T16:56:28+02:00\">\n\t\t<span class=\"hide\" itemprop=\"publisher\" itemscope itemtype=\"https:\/\/schema.org\/Organization\">\n\t\t\t<meta itemprop=\"name\" content=\"SocialistesdMca\">\n\t\t\t<span itemprop=\"logo\" itemscope itemtype=\"https:\/\/schema.org\/ImageObject\">\n\t\t\t\t<meta itemprop=\"url\" content=\"https:\/\/www.psib-psoe.org\/mallorca\/wp-content\/themes\/notio-wp\/assets\/img\/logo.png\">\n\t\t\t<\/span>\n\t\t\t<meta itemprop=\"url\" content=\"https:\/\/www.psib-psoe.org\/mallorca\/\">\n\t\t<\/span>\n\t\t\t\t<span class=\"hide\" itemprop=\"image\" itemscope itemtype=\"http:\/\/schema.org\/ImageObject\">\n\t\t\t<meta itemprop=\"url\" content=\"https:\/\/www.psib-psoe.org\/mallorca\/wp-content\/uploads\/Foto-Cladera-scaled.jpeg\">\n\t\t\t<meta itemprop=\"width\" content=\"2560\">\n\t\t\t<meta itemprop=\"height\" content=\"1920\">\n\t\t<\/span>\n\t\t\t\t<meta itemscope itemprop=\"mainEntityOfPage\" itemtype=\"https:\/\/schema.org\/WebPage\" itemid=\"https:\/\/www.psib-psoe.org\/mallorca\/catalina-cladera-no-renovara-la-secretaria-general-de-la-federacio-socialista-de-mallorca-i-sincorpora-a-lequip-autonomic-que-lidera-francina-armengol\/\">\n\t<\/aside>\n\t\t<\/article>\n<\/div>\n<div class=\"small-12 large-4 columns\">\n\t<article itemscope itemtype=\"http:\/\/schema.org\/Article\" class=\"post blog-style7 alt post-29468 type-post status-publish format-standard has-post-thumbnail hentry category-consell-de-mallorca category-federacio-de-mallorca category-federacio-de-mallorca-portada category-portada tag-catalina-cladera tag-consell-de-mallorca tag-federacio-socialista-de-mallorca tag-javier-de-juan tag-psib-psoe\" role=\"article\">\n\t\t<figure class=\"post-gallery\"><img loading=\"lazy\" decoding=\"async\" width=\"600\" height=\"400\" src=\"https:\/\/www.psib-psoe.org\/mallorca\/wp-content\/uploads\/130225-Ple-Parlament-600x400.jpeg\" class=\"attachment-notio-general-x2 size-notio-general-x2 wp-post-image\" alt=\"\" srcset=\"https:\/\/www.psib-psoe.org\/mallorca\/wp-content\/uploads\/130225-Ple-Parlament-600x400.jpeg 600w, https:\/\/www.psib-psoe.org\/mallorca\/wp-content\/uploads\/130225-Ple-Parlament-300x200.jpeg 300w, https:\/\/www.psib-psoe.org\/mallorca\/wp-content\/uploads\/130225-Ple-Parlament-900x600.jpeg 900w, https:\/\/www.psib-psoe.org\/mallorca\/wp-content\/uploads\/130225-Ple-Parlament-20x13.jpeg 20w\" sizes=\"(max-width: 600px) 100vw, 600px\" \/><\/figure>\n\t\t<div class=\"blog-top\">\n\t\t\t<header class=\"post-title entry-header\">\n\t\t\t\t<aside class=\"post-meta cf\">\n\t\t13\/02\/2025 \/ <a href=\"https:\/\/www.psib-psoe.org\/mallorca\/category\/consell-de-mallorca\/\" rel=\"category tag\">Consell de Mallorca<\/a>, <a href=\"https:\/\/www.psib-psoe.org\/mallorca\/category\/federacio-de-mallorca\/\" rel=\"category tag\">Federaci\u00f3 de Mallorca<\/a>, <a href=\"https:\/\/www.psib-psoe.org\/mallorca\/category\/federacio-de-mallorca-portada\/\" rel=\"category tag\">Federaci\u00f3 de Mallorca - Portada<\/a>, <a href=\"https:\/\/www.psib-psoe.org\/mallorca\/category\/portada\/\" rel=\"category tag\">Portada<\/a><\/aside>\n\t\t\t\t<h3 itemprop=\"headline\"><a href=\"https:\/\/www.psib-psoe.org\/mallorca\/la-situacio-insostenible-de-nuria-riera-i-marcial-rodriguez-capitalitza-el-ple-del-consell-de-mallorca\/\" title=\"La situaci\u00f3 insostenible de N\u00faria Riera i Marcial Rodr\u00edguez capitalitza el ple del Consell de Mallorca\u00a0\u00a0\u00a0 \u00a0\u00a0\u00a0 \u00a0\">La situaci\u00f3 insostenible de N\u00faria Riera i Marcial Rodr\u00edguez capitalitza el ple del Consell de Mallorca\u00a0\u00a0\u00a0 \u00a0\u00a0\u00a0 \u00a0<\/a><\/h3>\n\t\t\t<\/header>\n\t\t<\/div>\n\t\t<div class=\"post-content\">\n\t\t\t<a href=\"https:\/\/www.psib-psoe.org\/mallorca\/la-situacio-insostenible-de-nuria-riera-i-marcial-rodriguez-capitalitza-el-ple-del-consell-de-mallorca\/\" class=\"more-link\">Read More<\/a>\n\t\t<\/div>\n\t\t\t<aside class=\"post-bottom-meta hide\">\n\t\t<strong rel=\"author\" itemprop=\"author\" class=\"author vcard\"><span class=\"fn\">Marc<\/span><\/strong>\n\t\t<time class=\"date published time\" datetime=\"2025-02-13T19:37:25+02:00\" itemprop=\"datePublished\" content=\"2025-02-13T19:37:25+02:00\">13\/02\/2025<\/time>\n\t\t<meta itemprop=\"dateModified\" class=\"date updated\" content=\"2025-02-13T19:37:26+02:00\">\n\t\t<span class=\"hide\" itemprop=\"publisher\" itemscope itemtype=\"https:\/\/schema.org\/Organization\">\n\t\t\t<meta itemprop=\"name\" content=\"SocialistesdMca\">\n\t\t\t<span itemprop=\"logo\" itemscope itemtype=\"https:\/\/schema.org\/ImageObject\">\n\t\t\t\t<meta itemprop=\"url\" content=\"https:\/\/www.psib-psoe.org\/mallorca\/wp-content\/themes\/notio-wp\/assets\/img\/logo.png\">\n\t\t\t<\/span>\n\t\t\t<meta itemprop=\"url\" content=\"https:\/\/www.psib-psoe.org\/mallorca\/\">\n\t\t<\/span>\n\t\t\t\t<span class=\"hide\" itemprop=\"image\" itemscope itemtype=\"http:\/\/schema.org\/ImageObject\">\n\t\t\t<meta itemprop=\"url\" content=\"https:\/\/www.psib-psoe.org\/mallorca\/wp-content\/uploads\/130225-Ple-Parlament-scaled.jpeg\">\n\t\t\t<meta itemprop=\"width\" content=\"2560\">\n\t\t\t<meta itemprop=\"height\" content=\"1920\">\n\t\t<\/span>\n\t\t\t\t<meta itemscope itemprop=\"mainEntityOfPage\" itemtype=\"https:\/\/schema.org\/WebPage\" itemid=\"https:\/\/www.psib-psoe.org\/mallorca\/la-situacio-insostenible-de-nuria-riera-i-marcial-rodriguez-capitalitza-el-ple-del-consell-de-mallorca\/\">\n\t<\/aside>\n\t\t<\/article>\n<\/div>\n<div class=\"small-12 large-4 columns\">\n\t<article itemscope itemtype=\"http:\/\/schema.org\/Article\" class=\"post blog-style7 alt post-29464 type-post status-publish format-standard has-post-thumbnail hentry category-federacio-de-mallorca category-federacio-de-mallorca-portada category-municipis category-portada tag-catalina-cladera tag-federacio-socialista-de-mallorca tag-inca tag-javier-de-juan tag-psib-psoe tag-residencia-miquel-mir tag-virgilio-moreno\" role=\"article\">\n\t\t<figure class=\"post-gallery\"><img loading=\"lazy\" decoding=\"async\" width=\"600\" height=\"400\" src=\"https:\/\/www.psib-psoe.org\/mallorca\/wp-content\/uploads\/120225-Foto-de-Grup-Socialista-Residencia-Miquel-Mir-600x400.jpeg\" class=\"attachment-notio-general-x2 size-notio-general-x2 wp-post-image\" alt=\"\" srcset=\"https:\/\/www.psib-psoe.org\/mallorca\/wp-content\/uploads\/120225-Foto-de-Grup-Socialista-Residencia-Miquel-Mir-600x400.jpeg 600w, https:\/\/www.psib-psoe.org\/mallorca\/wp-content\/uploads\/120225-Foto-de-Grup-Socialista-Residencia-Miquel-Mir-300x200.jpeg 300w, https:\/\/www.psib-psoe.org\/mallorca\/wp-content\/uploads\/120225-Foto-de-Grup-Socialista-Residencia-Miquel-Mir-900x600.jpeg 900w, https:\/\/www.psib-psoe.org\/mallorca\/wp-content\/uploads\/120225-Foto-de-Grup-Socialista-Residencia-Miquel-Mir-20x13.jpeg 20w\" sizes=\"(max-width: 600px) 100vw, 600px\" \/><\/figure>\n\t\t<div class=\"blog-top\">\n\t\t\t<header class=\"post-title entry-header\">\n\t\t\t\t<aside class=\"post-meta cf\">\n\t\t12\/02\/2025 \/ <a href=\"https:\/\/www.psib-psoe.org\/mallorca\/category\/federacio-de-mallorca\/\" rel=\"category tag\">Federaci\u00f3 de Mallorca<\/a>, <a href=\"https:\/\/www.psib-psoe.org\/mallorca\/category\/federacio-de-mallorca-portada\/\" rel=\"category tag\">Federaci\u00f3 de Mallorca - Portada<\/a>, <a href=\"https:\/\/www.psib-psoe.org\/mallorca\/category\/municipis\/\" rel=\"category tag\">Municipis<\/a>, <a href=\"https:\/\/www.psib-psoe.org\/mallorca\/category\/portada\/\" rel=\"category tag\">Portada<\/a><\/aside>\n\t\t\t\t<h3 itemprop=\"headline\"><a href=\"https:\/\/www.psib-psoe.org\/mallorca\/els-socialistes-de-mallorca-celebren-lobertura-definitiva-de-la-residencia-miquel-mir-dinca-pero-lamenten-els-dos-anys-de-retard\/\" title=\"Els Socialistes de Mallorca celebren l\u2019obertura definitiva de la Resid\u00e8ncia Miquel Mir d\u2019Inca per\u00f2 lamenten els dos anys de retard\u00a0\u00a0\u00a0 \u00a0\u00a0\u00a0 \u00a0\">Els Socialistes de Mallorca celebren l\u2019obertura definitiva de la Resid\u00e8ncia Miquel Mir d\u2019Inca per\u00f2 lamenten els dos anys de retard\u00a0\u00a0\u00a0 \u00a0\u00a0\u00a0 \u00a0<\/a><\/h3>\n\t\t\t<\/header>\n\t\t<\/div>\n\t\t<div class=\"post-content\">\n\t\t\t<a href=\"https:\/\/www.psib-psoe.org\/mallorca\/els-socialistes-de-mallorca-celebren-lobertura-definitiva-de-la-residencia-miquel-mir-dinca-pero-lamenten-els-dos-anys-de-retard\/\" class=\"more-link\">Read More<\/a>\n\t\t<\/div>\n\t\t\t<aside class=\"post-bottom-meta hide\">\n\t\t<strong rel=\"author\" itemprop=\"author\" class=\"author vcard\"><span class=\"fn\">Marc<\/span><\/strong>\n\t\t<time class=\"date published time\" datetime=\"2025-02-12T14:25:26+02:00\" itemprop=\"datePublished\" content=\"2025-02-12T14:25:26+02:00\">12\/02\/2025<\/time>\n\t\t<meta itemprop=\"dateModified\" class=\"date updated\" content=\"2025-02-12T14:28:08+02:00\">\n\t\t<span class=\"hide\" itemprop=\"publisher\" itemscope itemtype=\"https:\/\/schema.org\/Organization\">\n\t\t\t<meta itemprop=\"name\" content=\"SocialistesdMca\">\n\t\t\t<span itemprop=\"logo\" itemscope itemtype=\"https:\/\/schema.org\/ImageObject\">\n\t\t\t\t<meta itemprop=\"url\" content=\"https:\/\/www.psib-psoe.org\/mallorca\/wp-content\/themes\/notio-wp\/assets\/img\/logo.png\">\n\t\t\t<\/span>\n\t\t\t<meta itemprop=\"url\" content=\"https:\/\/www.psib-psoe.org\/mallorca\/\">\n\t\t<\/span>\n\t\t\t\t<span class=\"hide\" itemprop=\"image\" itemscope itemtype=\"http:\/\/schema.org\/ImageObject\">\n\t\t\t<meta itemprop=\"url\" content=\"https:\/\/www.psib-psoe.org\/mallorca\/wp-content\/uploads\/120225-Foto-de-Grup-Socialista-Residencia-Miquel-Mir.jpeg\">\n\t\t\t<meta itemprop=\"width\" content=\"2048\">\n\t\t\t<meta itemprop=\"height\" content=\"1536\">\n\t\t<\/span>\n\t\t\t\t<meta itemscope itemprop=\"mainEntityOfPage\" itemtype=\"https:\/\/schema.org\/WebPage\" itemid=\"https:\/\/www.psib-psoe.org\/mallorca\/els-socialistes-de-mallorca-celebren-lobertura-definitiva-de-la-residencia-miquel-mir-dinca-pero-lamenten-els-dos-anys-de-retard\/\">\n\t<\/aside>\n\t\t<\/article>\n<\/div>\n<div class=\"small-12 large-4 columns\">\n\t<article itemscope itemtype=\"http:\/\/schema.org\/Article\" class=\"post blog-style7 alt post-29459 type-post status-publish format-standard has-post-thumbnail hentry category-federacio-de-mallorca category-federacio-de-mallorca-portada category-municipis category-portada tag-amanda-fernandez tag-antonia-sastre tag-ares-fernandez tag-catalina-cladera tag-federacio-socialista-de-mallorca tag-javier-de-juan tag-marc-bonet tag-maria-gracia-gonzalez tag-mercedes-garrido tag-psib-psoe tag-xisco-duarte\" role=\"article\">\n\t\t<figure class=\"post-gallery\"><img loading=\"lazy\" decoding=\"async\" width=\"600\" height=\"400\" src=\"https:\/\/www.psib-psoe.org\/mallorca\/wp-content\/uploads\/Regidors-Felanitx-1-600x400.jpeg\" class=\"attachment-notio-general-x2 size-notio-general-x2 wp-post-image\" alt=\"\" srcset=\"https:\/\/www.psib-psoe.org\/mallorca\/wp-content\/uploads\/Regidors-Felanitx-1-600x400.jpeg 600w, https:\/\/www.psib-psoe.org\/mallorca\/wp-content\/uploads\/Regidors-Felanitx-1-300x200.jpeg 300w, https:\/\/www.psib-psoe.org\/mallorca\/wp-content\/uploads\/Regidors-Felanitx-1-900x600.jpeg 900w, https:\/\/www.psib-psoe.org\/mallorca\/wp-content\/uploads\/Regidors-Felanitx-1-20x13.jpeg 20w\" sizes=\"(max-width: 600px) 100vw, 600px\" \/><\/figure>\n\t\t<div class=\"blog-top\">\n\t\t\t<header class=\"post-title entry-header\">\n\t\t\t\t<aside class=\"post-meta cf\">\n\t\t11\/02\/2025 \/ <a href=\"https:\/\/www.psib-psoe.org\/mallorca\/category\/federacio-de-mallorca\/\" rel=\"category tag\">Federaci\u00f3 de Mallorca<\/a>, <a href=\"https:\/\/www.psib-psoe.org\/mallorca\/category\/federacio-de-mallorca-portada\/\" rel=\"category tag\">Federaci\u00f3 de Mallorca - Portada<\/a>, <a href=\"https:\/\/www.psib-psoe.org\/mallorca\/category\/municipis\/\" rel=\"category tag\">Municipis<\/a>, <a href=\"https:\/\/www.psib-psoe.org\/mallorca\/category\/portada\/\" rel=\"category tag\">Portada<\/a><\/aside>\n\t\t\t\t<h3 itemprop=\"headline\"><a href=\"https:\/\/www.psib-psoe.org\/mallorca\/marc-bonet-i-maria-gracia-gonzalez-prenen-possessio-com-a-nous-regidors-socialistes-a-lajuntament-de-felanitx\/\" title=\"Marc Bonet i Mar\u00eda Gracia Gonz\u00e1lez prenen possessi\u00f3 com a nous regidors socialistes a l\u2019Ajuntament de Felanitx.\u00a0\u00a0\u00a0\u00a0 \u00a0\u00a0\u00a0 \u00a0\">Marc Bonet i Mar\u00eda Gracia Gonz\u00e1lez prenen possessi\u00f3 com a nous regidors socialistes a l\u2019Ajuntament de Felanitx.\u00a0\u00a0\u00a0\u00a0 \u00a0\u00a0\u00a0 \u00a0<\/a><\/h3>\n\t\t\t<\/header>\n\t\t<\/div>\n\t\t<div class=\"post-content\">\n\t\t\t<a href=\"https:\/\/www.psib-psoe.org\/mallorca\/marc-bonet-i-maria-gracia-gonzalez-prenen-possessio-com-a-nous-regidors-socialistes-a-lajuntament-de-felanitx\/\" class=\"more-link\">Read More<\/a>\n\t\t<\/div>\n\t\t\t<aside class=\"post-bottom-meta hide\">\n\t\t<strong rel=\"author\" itemprop=\"author\" class=\"author vcard\"><span class=\"fn\">Albert<\/span><\/strong>\n\t\t<time class=\"date published time\" datetime=\"2025-02-11T13:16:22+02:00\" itemprop=\"datePublished\" content=\"2025-02-11T13:16:22+02:00\">11\/02\/2025<\/time>\n\t\t<meta itemprop=\"dateModified\" class=\"date updated\" content=\"2025-02-11T13:16:24+02:00\">\n\t\t<span class=\"hide\" itemprop=\"publisher\" itemscope itemtype=\"https:\/\/schema.org\/Organization\">\n\t\t\t<meta itemprop=\"name\" content=\"SocialistesdMca\">\n\t\t\t<span itemprop=\"logo\" itemscope itemtype=\"https:\/\/schema.org\/ImageObject\">\n\t\t\t\t<meta itemprop=\"url\" content=\"https:\/\/www.psib-psoe.org\/mallorca\/wp-content\/themes\/notio-wp\/assets\/img\/logo.png\">\n\t\t\t<\/span>\n\t\t\t<meta itemprop=\"url\" content=\"https:\/\/www.psib-psoe.org\/mallorca\/\">\n\t\t<\/span>\n\t\t\t\t<span class=\"hide\" itemprop=\"image\" itemscope itemtype=\"http:\/\/schema.org\/ImageObject\">\n\t\t\t<meta itemprop=\"url\" content=\"https:\/\/www.psib-psoe.org\/mallorca\/wp-content\/uploads\/Regidors-Felanitx-1.jpeg\">\n\t\t\t<meta itemprop=\"width\" content=\"2048\">\n\t\t\t<meta itemprop=\"height\" content=\"1536\">\n\t\t<\/span>\n\t\t\t\t<meta itemscope itemprop=\"mainEntityOfPage\" itemtype=\"https:\/\/schema.org\/WebPage\" itemid=\"https:\/\/www.psib-psoe.org\/mallorca\/marc-bonet-i-maria-gracia-gonzalez-prenen-possessio-com-a-nous-regidors-socialistes-a-lajuntament-de-felanitx\/\">\n\t<\/aside>\n\t\t<\/article>\n<\/div>\n<div class=\"small-12 large-4 columns\">\n\t<article itemscope itemtype=\"http:\/\/schema.org\/Article\" class=\"post blog-style7 alt post-29447 type-post status-publish format-standard has-post-thumbnail hentry category-federacio-de-mallorca category-federacio-de-mallorca-portada category-municipis category-portada tag-catalina-cladera tag-federacio-socialista-de-mallorca tag-javier-de-juan tag-joan-ferrer tag-psib-psoe\" role=\"article\">\n\t\t<figure class=\"post-gallery\"><img loading=\"lazy\" decoding=\"async\" width=\"600\" height=\"400\" src=\"https:\/\/www.psib-psoe.org\/mallorca\/wp-content\/uploads\/Cladera-Cas-Marcial-1-2-600x400.jpeg\" class=\"attachment-notio-general-x2 size-notio-general-x2 wp-post-image\" alt=\"\" srcset=\"https:\/\/www.psib-psoe.org\/mallorca\/wp-content\/uploads\/Cladera-Cas-Marcial-1-2-600x400.jpeg 600w, https:\/\/www.psib-psoe.org\/mallorca\/wp-content\/uploads\/Cladera-Cas-Marcial-1-2-300x200.jpeg 300w, https:\/\/www.psib-psoe.org\/mallorca\/wp-content\/uploads\/Cladera-Cas-Marcial-1-2-900x600.jpeg 900w, https:\/\/www.psib-psoe.org\/mallorca\/wp-content\/uploads\/Cladera-Cas-Marcial-1-2-20x13.jpeg 20w\" sizes=\"(max-width: 600px) 100vw, 600px\" \/><\/figure>\n\t\t<div class=\"blog-top\">\n\t\t\t<header class=\"post-title entry-header\">\n\t\t\t\t<aside class=\"post-meta cf\">\n\t\t10\/02\/2025 \/ <a href=\"https:\/\/www.psib-psoe.org\/mallorca\/category\/federacio-de-mallorca\/\" rel=\"category tag\">Federaci\u00f3 de Mallorca<\/a>, <a href=\"https:\/\/www.psib-psoe.org\/mallorca\/category\/federacio-de-mallorca-portada\/\" rel=\"category tag\">Federaci\u00f3 de Mallorca - Portada<\/a>, <a href=\"https:\/\/www.psib-psoe.org\/mallorca\/category\/municipis\/\" rel=\"category tag\">Municipis<\/a>, <a href=\"https:\/\/www.psib-psoe.org\/mallorca\/category\/portada\/\" rel=\"category tag\">Portada<\/a><\/aside>\n\t\t\t\t<h3 itemprop=\"headline\"><a href=\"https:\/\/www.psib-psoe.org\/mallorca\/ni-amb-el-canvi-dempresa-concessionaria-del-servei-es-capac-galmes-de-gestionar-decentment-la-itv-de-mallorca\/\" title=\"Ni amb el canvi d\u2019empresa concession\u00e0ria del servei, \u00e9s capa\u00e7 Galm\u00e9s de gestionar decentment la ITV de Mallorca.\">Ni amb el canvi d\u2019empresa concession\u00e0ria del servei, \u00e9s capa\u00e7 Galm\u00e9s de gestionar decentment la ITV de Mallorca.<\/a><\/h3>\n\t\t\t<\/header>\n\t\t<\/div>\n\t\t<div class=\"post-content\">\n\t\t\t<a href=\"https:\/\/www.psib-psoe.org\/mallorca\/ni-amb-el-canvi-dempresa-concessionaria-del-servei-es-capac-galmes-de-gestionar-decentment-la-itv-de-mallorca\/\" class=\"more-link\">Read More<\/a>\n\t\t<\/div>\n\t\t\t<aside class=\"post-bottom-meta hide\">\n\t\t<strong rel=\"author\" itemprop=\"author\" class=\"author vcard\"><span class=\"fn\">Albert<\/span><\/strong>\n\t\t<time class=\"date published time\" datetime=\"2025-02-10T12:12:54+02:00\" itemprop=\"datePublished\" content=\"2025-02-10T12:12:54+02:00\">10\/02\/2025<\/time>\n\t\t<meta itemprop=\"dateModified\" class=\"date updated\" content=\"2025-02-10T12:12:56+02:00\">\n\t\t<span class=\"hide\" itemprop=\"publisher\" itemscope itemtype=\"https:\/\/schema.org\/Organization\">\n\t\t\t<meta itemprop=\"name\" content=\"SocialistesdMca\">\n\t\t\t<span itemprop=\"logo\" itemscope itemtype=\"https:\/\/schema.org\/ImageObject\">\n\t\t\t\t<meta itemprop=\"url\" content=\"https:\/\/www.psib-psoe.org\/mallorca\/wp-content\/themes\/notio-wp\/assets\/img\/logo.png\">\n\t\t\t<\/span>\n\t\t\t<meta itemprop=\"url\" content=\"https:\/\/www.psib-psoe.org\/mallorca\/\">\n\t\t<\/span>\n\t\t\t\t<span class=\"hide\" itemprop=\"image\" itemscope itemtype=\"http:\/\/schema.org\/ImageObject\">\n\t\t\t<meta itemprop=\"url\" content=\"https:\/\/www.psib-psoe.org\/mallorca\/wp-content\/uploads\/Cladera-Cas-Marcial-1-2.jpeg\">\n\t\t\t<meta itemprop=\"width\" content=\"1536\">\n\t\t\t<meta itemprop=\"height\" content=\"2048\">\n\t\t<\/span>\n\t\t\t\t<meta itemscope itemprop=\"mainEntityOfPage\" itemtype=\"https:\/\/schema.org\/WebPage\" itemid=\"https:\/\/www.psib-psoe.org\/mallorca\/ni-amb-el-canvi-dempresa-concessionaria-del-servei-es-capac-galmes-de-gestionar-decentment-la-itv-de-mallorca\/\">\n\t<\/aside>\n\t\t<\/article>\n<\/div>\n<div class=\"small-12 large-4 columns\">\n\t<article itemscope itemtype=\"http:\/\/schema.org\/Article\" class=\"post blog-style7 alt post-29445 type-post status-publish format-standard has-post-thumbnail hentry category-federacio-de-mallorca category-municipis category-portada tag-agrupacio-socialista-de-llucmajor tag-federacio-socialista-de-mallorca tag-jaume-j-oliver tag-llucmajor tag-psib-psoe\" role=\"article\">\n\t\t<figure class=\"post-gallery\"><img loading=\"lazy\" decoding=\"async\" width=\"600\" height=\"400\" src=\"https:\/\/www.psib-psoe.org\/mallorca\/wp-content\/uploads\/240125-Socialistes-Llucmajor-1-600x400.jpeg\" class=\"attachment-notio-general-x2 size-notio-general-x2 wp-post-image\" alt=\"\" srcset=\"https:\/\/www.psib-psoe.org\/mallorca\/wp-content\/uploads\/240125-Socialistes-Llucmajor-1-600x400.jpeg 600w, https:\/\/www.psib-psoe.org\/mallorca\/wp-content\/uploads\/240125-Socialistes-Llucmajor-1-300x200.jpeg 300w, https:\/\/www.psib-psoe.org\/mallorca\/wp-content\/uploads\/240125-Socialistes-Llucmajor-1-900x600.jpeg 900w, https:\/\/www.psib-psoe.org\/mallorca\/wp-content\/uploads\/240125-Socialistes-Llucmajor-1-20x13.jpeg 20w\" sizes=\"(max-width: 600px) 100vw, 600px\" \/><\/figure>\n\t\t<div class=\"blog-top\">\n\t\t\t<header class=\"post-title entry-header\">\n\t\t\t\t<aside class=\"post-meta cf\">\n\t\t10\/02\/2025 \/ <a href=\"https:\/\/www.psib-psoe.org\/mallorca\/category\/federacio-de-mallorca\/\" rel=\"category tag\">Federaci\u00f3 de Mallorca<\/a>, <a href=\"https:\/\/www.psib-psoe.org\/mallorca\/category\/municipis\/\" rel=\"category tag\">Municipis<\/a>, <a href=\"https:\/\/www.psib-psoe.org\/mallorca\/category\/portada\/\" rel=\"category tag\">Portada<\/a><\/aside>\n\t\t\t\t<h3 itemprop=\"headline\"><a href=\"https:\/\/www.psib-psoe.org\/mallorca\/lequip-de-govern-de-lajuntament-de-llucmajor-abandona-als-veins-afectats-per-la-macro-granja-que-opera-al-municipi-i-omet-la-seva-obligacio-de-controlar-lexplotacio-avicola\/\" title=\"L\u2019equip de govern de l\u2019Ajuntament de Llucmajor abandona als ve\u00efns afectats per la macro-granja que opera al municipi, i omet la seva obligaci\u00f3 de controlar l\u2019explotaci\u00f3 av\u00edcola.\">L\u2019equip de govern de l\u2019Ajuntament de Llucmajor abandona als ve\u00efns afectats per la macro-granja que opera al municipi, i omet la seva obligaci\u00f3 de controlar l\u2019explotaci\u00f3 av\u00edcola.<\/a><\/h3>\n\t\t\t<\/header>\n\t\t<\/div>\n\t\t<div class=\"post-content\">\n\t\t\t<a href=\"https:\/\/www.psib-psoe.org\/mallorca\/lequip-de-govern-de-lajuntament-de-llucmajor-abandona-als-veins-afectats-per-la-macro-granja-que-opera-al-municipi-i-omet-la-seva-obligacio-de-controlar-lexplotacio-avicola\/\" class=\"more-link\">Read More<\/a>\n\t\t<\/div>\n\t\t\t<aside class=\"post-bottom-meta hide\">\n\t\t<strong rel=\"author\" itemprop=\"author\" class=\"author vcard\"><span class=\"fn\">Albert<\/span><\/strong>\n\t\t<time class=\"date published time\" datetime=\"2025-02-10T12:02:30+02:00\" itemprop=\"datePublished\" content=\"2025-02-10T12:02:30+02:00\">10\/02\/2025<\/time>\n\t\t<meta itemprop=\"dateModified\" class=\"date updated\" content=\"2025-02-10T12:02:32+02:00\">\n\t\t<span class=\"hide\" itemprop=\"publisher\" itemscope itemtype=\"https:\/\/schema.org\/Organization\">\n\t\t\t<meta itemprop=\"name\" content=\"SocialistesdMca\">\n\t\t\t<span itemprop=\"logo\" itemscope itemtype=\"https:\/\/schema.org\/ImageObject\">\n\t\t\t\t<meta itemprop=\"url\" content=\"https:\/\/www.psib-psoe.org\/mallorca\/wp-content\/themes\/notio-wp\/assets\/img\/logo.png\">\n\t\t\t<\/span>\n\t\t\t<meta itemprop=\"url\" content=\"https:\/\/www.psib-psoe.org\/mallorca\/\">\n\t\t<\/span>\n\t\t\t\t<span class=\"hide\" itemprop=\"image\" itemscope itemtype=\"http:\/\/schema.org\/ImageObject\">\n\t\t\t<meta itemprop=\"url\" content=\"https:\/\/www.psib-psoe.org\/mallorca\/wp-content\/uploads\/240125-Socialistes-Llucmajor-1.jpeg\">\n\t\t\t<meta itemprop=\"width\" content=\"1200\">\n\t\t\t<meta itemprop=\"height\" content=\"1600\">\n\t\t<\/span>\n\t\t\t\t<meta itemscope itemprop=\"mainEntityOfPage\" itemtype=\"https:\/\/schema.org\/WebPage\" itemid=\"https:\/\/www.psib-psoe.org\/mallorca\/lequip-de-govern-de-lajuntament-de-llucmajor-abandona-als-veins-afectats-per-la-macro-granja-que-opera-al-municipi-i-omet-la-seva-obligacio-de-controlar-lexplotacio-avicola\/\">\n\t<\/aside>\n\t\t<\/article>\n<\/div>\n<div class=\"small-12 large-4 columns\">\n\t<article itemscope itemtype=\"http:\/\/schema.org\/Article\" class=\"post blog-style7 alt post-29443 type-post status-publish format-standard has-post-thumbnail hentry category-federacio-de-mallorca category-federacio-de-mallorca-portada category-municipis category-portada tag-antonia-sastre tag-bea-gamundi tag-catalina-cladera tag-guillem-ensenyat tag-javier-de-juan tag-per-estellencs tag-psib-psoe\" role=\"article\">\n\t\t<figure class=\"post-gallery\"><img loading=\"lazy\" decoding=\"async\" width=\"200\" height=\"179\" src=\"https:\/\/www.psib-psoe.org\/mallorca\/wp-content\/uploads\/Per-Estellencs.jpg\" class=\"attachment-notio-general-x2 size-notio-general-x2 wp-post-image\" alt=\"\" srcset=\"https:\/\/www.psib-psoe.org\/mallorca\/wp-content\/uploads\/Per-Estellencs.jpg 200w, https:\/\/www.psib-psoe.org\/mallorca\/wp-content\/uploads\/Per-Estellencs-20x18.jpg 20w, https:\/\/www.psib-psoe.org\/mallorca\/wp-content\/uploads\/Per-Estellencs-150x134.jpg 150w\" sizes=\"(max-width: 200px) 100vw, 200px\" \/><\/figure>\n\t\t<div class=\"blog-top\">\n\t\t\t<header class=\"post-title entry-header\">\n\t\t\t\t<aside class=\"post-meta cf\">\n\t\t10\/02\/2025 \/ <a href=\"https:\/\/www.psib-psoe.org\/mallorca\/category\/federacio-de-mallorca\/\" rel=\"category tag\">Federaci\u00f3 de Mallorca<\/a>, <a href=\"https:\/\/www.psib-psoe.org\/mallorca\/category\/federacio-de-mallorca-portada\/\" rel=\"category tag\">Federaci\u00f3 de Mallorca - Portada<\/a>, <a href=\"https:\/\/www.psib-psoe.org\/mallorca\/category\/municipis\/\" rel=\"category tag\">Municipis<\/a>, <a href=\"https:\/\/www.psib-psoe.org\/mallorca\/category\/portada\/\" rel=\"category tag\">Portada<\/a><\/aside>\n\t\t\t\t<h3 itemprop=\"headline\"><a href=\"https:\/\/www.psib-psoe.org\/mallorca\/per-estellencs-forca-a-lajuntament-a-regularitzar-la-contractacio-duna-educadora-per-a-lescoleta-municipal\/\" title=\"Per Estellencs for\u00e7a a l\u2019Ajuntament a regularitzar la contractaci\u00f3 d\u2019una educadora per a l\u2019Escoleta municipal.\">Per Estellencs for\u00e7a a l\u2019Ajuntament a regularitzar la contractaci\u00f3 d\u2019una educadora per a l\u2019Escoleta municipal.<\/a><\/h3>\n\t\t\t<\/header>\n\t\t<\/div>\n\t\t<div class=\"post-content\">\n\t\t\t<a href=\"https:\/\/www.psib-psoe.org\/mallorca\/per-estellencs-forca-a-lajuntament-a-regularitzar-la-contractacio-duna-educadora-per-a-lescoleta-municipal\/\" class=\"more-link\">Read More<\/a>\n\t\t<\/div>\n\t\t\t<aside class=\"post-bottom-meta hide\">\n\t\t<strong rel=\"author\" itemprop=\"author\" class=\"author vcard\"><span class=\"fn\">Albert<\/span><\/strong>\n\t\t<time class=\"date published time\" datetime=\"2025-02-10T11:31:21+02:00\" itemprop=\"datePublished\" content=\"2025-02-10T11:31:21+02:00\">10\/02\/2025<\/time>\n\t\t<meta itemprop=\"dateModified\" class=\"date updated\" content=\"2025-02-10T11:31:22+02:00\">\n\t\t<span class=\"hide\" itemprop=\"publisher\" itemscope itemtype=\"https:\/\/schema.org\/Organization\">\n\t\t\t<meta itemprop=\"name\" content=\"SocialistesdMca\">\n\t\t\t<span itemprop=\"logo\" itemscope itemtype=\"https:\/\/schema.org\/ImageObject\">\n\t\t\t\t<meta itemprop=\"url\" content=\"https:\/\/www.psib-psoe.org\/mallorca\/wp-content\/themes\/notio-wp\/assets\/img\/logo.png\">\n\t\t\t<\/span>\n\t\t\t<meta itemprop=\"url\" content=\"https:\/\/www.psib-psoe.org\/mallorca\/\">\n\t\t<\/span>\n\t\t\t\t<span class=\"hide\" itemprop=\"image\" itemscope itemtype=\"http:\/\/schema.org\/ImageObject\">\n\t\t\t<meta itemprop=\"url\" content=\"https:\/\/www.psib-psoe.org\/mallorca\/wp-content\/uploads\/Per-Estellencs.jpg\">\n\t\t\t<meta itemprop=\"width\" content=\"200\">\n\t\t\t<meta itemprop=\"height\" content=\"179\">\n\t\t<\/span>\n\t\t\t\t<meta itemscope itemprop=\"mainEntityOfPage\" itemtype=\"https:\/\/schema.org\/WebPage\" itemid=\"https:\/\/www.psib-psoe.org\/mallorca\/per-estellencs-forca-a-lajuntament-a-regularitzar-la-contractacio-duna-educadora-per-a-lescoleta-municipal\/\">\n\t<\/aside>\n\t\t<\/article>\n<\/div>\n<div class=\"small-12 large-4 columns\">\n\t<article itemscope itemtype=\"http:\/\/schema.org\/Article\" class=\"post blog-style7 alt post-29437 type-post status-publish format-standard has-post-thumbnail hentry category-consell-de-mallorca category-federacio-de-mallorca category-federacio-de-mallorca-portada category-portada tag-catalina-cladera tag-mercedes-garrido tag-psib-psoe\" role=\"article\">\n\t\t<figure class=\"post-gallery\"><img loading=\"lazy\" decoding=\"async\" width=\"600\" height=\"400\" src=\"https:\/\/www.psib-psoe.org\/mallorca\/wp-content\/uploads\/Rdp-regularitzacio-070225-600x400.jpeg\" class=\"attachment-notio-general-x2 size-notio-general-x2 wp-post-image\" alt=\"\" srcset=\"https:\/\/www.psib-psoe.org\/mallorca\/wp-content\/uploads\/Rdp-regularitzacio-070225-600x400.jpeg 600w, https:\/\/www.psib-psoe.org\/mallorca\/wp-content\/uploads\/Rdp-regularitzacio-070225-300x200.jpeg 300w, https:\/\/www.psib-psoe.org\/mallorca\/wp-content\/uploads\/Rdp-regularitzacio-070225-900x600.jpeg 900w, https:\/\/www.psib-psoe.org\/mallorca\/wp-content\/uploads\/Rdp-regularitzacio-070225-20x13.jpeg 20w\" sizes=\"(max-width: 600px) 100vw, 600px\" \/><\/figure>\n\t\t<div class=\"blog-top\">\n\t\t\t<header class=\"post-title entry-header\">\n\t\t\t\t<aside class=\"post-meta cf\">\n\t\t07\/02\/2025 \/ <a href=\"https:\/\/www.psib-psoe.org\/mallorca\/category\/consell-de-mallorca\/\" rel=\"category tag\">Consell de Mallorca<\/a>, <a href=\"https:\/\/www.psib-psoe.org\/mallorca\/category\/federacio-de-mallorca\/\" rel=\"category tag\">Federaci\u00f3 de Mallorca<\/a>, <a href=\"https:\/\/www.psib-psoe.org\/mallorca\/category\/federacio-de-mallorca-portada\/\" rel=\"category tag\">Federaci\u00f3 de Mallorca - Portada<\/a>, <a href=\"https:\/\/www.psib-psoe.org\/mallorca\/category\/portada\/\" rel=\"category tag\">Portada<\/a><\/aside>\n\t\t\t\t<h3 itemprop=\"headline\"><a href=\"https:\/\/www.psib-psoe.org\/mallorca\/els-consells-insulars-no-han-de-convalidar-la-llei-que-permet-la-regularitzacio-de-construccions-en-rustic-per-que-genera-inseguretat-juridica-beneficia-als-infractors-i-abandona-als-ajunta\/\" title=\"Els Consells Insulars no han de convalidar la Llei que permet la regularitzaci\u00f3 de construccions en r\u00fastic, per que genera \u201cinseguretat jur\u00eddica, beneficia als infractors i abandona als ajuntaments.\u201d\">Els Consells Insulars no han de convalidar la Llei que permet la regularitzaci\u00f3 de construccions en r\u00fastic, per que genera \u201cinseguretat jur\u00eddica, beneficia als infractors i abandona als ajuntaments.\u201d<\/a><\/h3>\n\t\t\t<\/header>\n\t\t<\/div>\n\t\t<div class=\"post-content\">\n\t\t\t<a href=\"https:\/\/www.psib-psoe.org\/mallorca\/els-consells-insulars-no-han-de-convalidar-la-llei-que-permet-la-regularitzacio-de-construccions-en-rustic-per-que-genera-inseguretat-juridica-beneficia-als-infractors-i-abandona-als-ajunta\/\" class=\"more-link\">Read More<\/a>\n\t\t<\/div>\n\t\t\t<aside class=\"post-bottom-meta hide\">\n\t\t<strong rel=\"author\" itemprop=\"author\" class=\"author vcard\"><span class=\"fn\">Albert<\/span><\/strong>\n\t\t<time class=\"date published time\" datetime=\"2025-02-07T13:41:24+02:00\" itemprop=\"datePublished\" content=\"2025-02-07T13:41:24+02:00\">07\/02\/2025<\/time>\n\t\t<meta itemprop=\"dateModified\" class=\"date updated\" content=\"2025-02-07T13:41:27+02:00\">\n\t\t<span class=\"hide\" itemprop=\"publisher\" itemscope itemtype=\"https:\/\/schema.org\/Organization\">\n\t\t\t<meta itemprop=\"name\" content=\"SocialistesdMca\">\n\t\t\t<span itemprop=\"logo\" itemscope itemtype=\"https:\/\/schema.org\/ImageObject\">\n\t\t\t\t<meta itemprop=\"url\" content=\"https:\/\/www.psib-psoe.org\/mallorca\/wp-content\/themes\/notio-wp\/assets\/img\/logo.png\">\n\t\t\t<\/span>\n\t\t\t<meta itemprop=\"url\" content=\"https:\/\/www.psib-psoe.org\/mallorca\/\">\n\t\t<\/span>\n\t\t\t\t<span class=\"hide\" itemprop=\"image\" itemscope itemtype=\"http:\/\/schema.org\/ImageObject\">\n\t\t\t<meta itemprop=\"url\" content=\"https:\/\/www.psib-psoe.org\/mallorca\/wp-content\/uploads\/Rdp-regularitzacio-070225.jpeg\">\n\t\t\t<meta itemprop=\"width\" content=\"2560\">\n\t\t\t<meta itemprop=\"height\" content=\"2211\">\n\t\t<\/span>\n\t\t\t\t<meta itemscope itemprop=\"mainEntityOfPage\" itemtype=\"https:\/\/schema.org\/WebPage\" itemid=\"https:\/\/www.psib-psoe.org\/mallorca\/els-consells-insulars-no-han-de-convalidar-la-llei-que-permet-la-regularitzacio-de-construccions-en-rustic-per-que-genera-inseguretat-juridica-beneficia-als-infractors-i-abandona-als-ajunta\/\">\n\t<\/aside>\n\t\t<\/article>\n<\/div>\n<div class=\"small-12 large-4 columns\">\n\t<article itemscope itemtype=\"http:\/\/schema.org\/Article\" class=\"post blog-style7 alt post-29432 type-post status-publish format-standard has-post-thumbnail hentry category-consell-de-mallorca category-federacio-de-mallorca category-federacio-de-mallorca-portada category-portada tag-catalina-cladera tag-palma tag-psib-psoe tag-psoe-palma tag-sensellarisme tag-sofia-alonso tag-xisco-ducros\" role=\"article\">\n\t\t<figure class=\"post-gallery\"><img loading=\"lazy\" decoding=\"async\" width=\"600\" height=\"400\" src=\"https:\/\/www.psib-psoe.org\/mallorca\/wp-content\/uploads\/060225_Sofia-Alonso-Catalina-Cladera-i-Francisco-Ducros-RDP-Sensellarisme-600x400.jpg\" class=\"attachment-notio-general-x2 size-notio-general-x2 wp-post-image\" alt=\"\" srcset=\"https:\/\/www.psib-psoe.org\/mallorca\/wp-content\/uploads\/060225_Sofia-Alonso-Catalina-Cladera-i-Francisco-Ducros-RDP-Sensellarisme-600x400.jpg 600w, https:\/\/www.psib-psoe.org\/mallorca\/wp-content\/uploads\/060225_Sofia-Alonso-Catalina-Cladera-i-Francisco-Ducros-RDP-Sensellarisme-300x200.jpg 300w, https:\/\/www.psib-psoe.org\/mallorca\/wp-content\/uploads\/060225_Sofia-Alonso-Catalina-Cladera-i-Francisco-Ducros-RDP-Sensellarisme-900x600.jpg 900w, https:\/\/www.psib-psoe.org\/mallorca\/wp-content\/uploads\/060225_Sofia-Alonso-Catalina-Cladera-i-Francisco-Ducros-RDP-Sensellarisme-20x13.jpg 20w\" sizes=\"(max-width: 600px) 100vw, 600px\" \/><\/figure>\n\t\t<div class=\"blog-top\">\n\t\t\t<header class=\"post-title entry-header\">\n\t\t\t\t<aside class=\"post-meta cf\">\n\t\t06\/02\/2025 \/ <a href=\"https:\/\/www.psib-psoe.org\/mallorca\/category\/consell-de-mallorca\/\" rel=\"category tag\">Consell de Mallorca<\/a>, <a href=\"https:\/\/www.psib-psoe.org\/mallorca\/category\/federacio-de-mallorca\/\" rel=\"category tag\">Federaci\u00f3 de Mallorca<\/a>, <a href=\"https:\/\/www.psib-psoe.org\/mallorca\/category\/federacio-de-mallorca-portada\/\" rel=\"category tag\">Federaci\u00f3 de Mallorca - Portada<\/a>, <a href=\"https:\/\/www.psib-psoe.org\/mallorca\/category\/portada\/\" rel=\"category tag\">Portada<\/a><\/aside>\n\t\t\t\t<h3 itemprop=\"headline\"><a href=\"https:\/\/www.psib-psoe.org\/mallorca\/els-socialistes-alerten-de-lincrement-alarmant-de-persones-sense-llar-en-situacio-precaria-a-mallorca-mentre-que-consell-i-ajuntament-de-palma-miren-cap-a-una-altr\/\" title=\"Els Socialistes alerten de \u201cl\u2019increment alarmant\u201d de persones sense llar en situaci\u00f3 prec\u00e0ria a Mallorca, mentre que Consell i Ajuntament de Palma \u201cmiren cap a una altra banda\u201d\">Els Socialistes alerten de \u201cl\u2019increment alarmant\u201d de persones sense llar en situaci\u00f3 prec\u00e0ria a Mallorca, mentre que Consell i Ajuntament de Palma \u201cmiren cap a una altra banda\u201d<\/a><\/h3>\n\t\t\t<\/header>\n\t\t<\/div>\n\t\t<div class=\"post-content\">\n\t\t\t<a href=\"https:\/\/www.psib-psoe.org\/mallorca\/els-socialistes-alerten-de-lincrement-alarmant-de-persones-sense-llar-en-situacio-precaria-a-mallorca-mentre-que-consell-i-ajuntament-de-palma-miren-cap-a-una-altr\/\" class=\"more-link\">Read More<\/a>\n\t\t<\/div>\n\t\t\t<aside class=\"post-bottom-meta hide\">\n\t\t<strong rel=\"author\" itemprop=\"author\" class=\"author vcard\"><span class=\"fn\">Socialistes de Mallorca<\/span><\/strong>\n\t\t<time class=\"date published time\" datetime=\"2025-02-06T15:08:48+02:00\" itemprop=\"datePublished\" content=\"2025-02-06T15:08:48+02:00\">06\/02\/2025<\/time>\n\t\t<meta itemprop=\"dateModified\" class=\"date updated\" content=\"2025-02-06T15:08:49+02:00\">\n\t\t<span class=\"hide\" itemprop=\"publisher\" itemscope itemtype=\"https:\/\/schema.org\/Organization\">\n\t\t\t<meta itemprop=\"name\" content=\"SocialistesdMca\">\n\t\t\t<span itemprop=\"logo\" itemscope itemtype=\"https:\/\/schema.org\/ImageObject\">\n\t\t\t\t<meta itemprop=\"url\" content=\"https:\/\/www.psib-psoe.org\/mallorca\/wp-content\/themes\/notio-wp\/assets\/img\/logo.png\">\n\t\t\t<\/span>\n\t\t\t<meta itemprop=\"url\" content=\"https:\/\/www.psib-psoe.org\/mallorca\/\">\n\t\t<\/span>\n\t\t\t\t<span class=\"hide\" itemprop=\"image\" itemscope itemtype=\"http:\/\/schema.org\/ImageObject\">\n\t\t\t<meta itemprop=\"url\" content=\"https:\/\/www.psib-psoe.org\/mallorca\/wp-content\/uploads\/060225_Sofia-Alonso-Catalina-Cladera-i-Francisco-Ducros-RDP-Sensellarisme-scaled.jpg\">\n\t\t\t<meta itemprop=\"width\" content=\"2560\">\n\t\t\t<meta itemprop=\"height\" content=\"1920\">\n\t\t<\/span>\n\t\t\t\t<meta itemscope itemprop=\"mainEntityOfPage\" itemtype=\"https:\/\/schema.org\/WebPage\" itemid=\"https:\/\/www.psib-psoe.org\/mallorca\/els-socialistes-alerten-de-lincrement-alarmant-de-persones-sense-llar-en-situacio-precaria-a-mallorca-mentre-que-consell-i-ajuntament-de-palma-miren-cap-a-una-altr\/\">\n\t<\/aside>\n\t\t<\/article>\n<\/div>\n<div class=\"small-12 large-4 columns\">\n\t<article itemscope itemtype=\"http:\/\/schema.org\/Article\" class=\"post blog-style7 alt post-29427 type-post status-publish format-standard has-post-thumbnail hentry category-federacio-de-mallorca category-federacio-de-mallorca-portada category-municipis category-portada tag-antonia-sastre tag-catalina-cladera tag-javier-de-juan tag-joan-ferrer tag-juana-m-adrover tag-miquel-cabot tag-patricia-gomez tag-psib-psoe\" role=\"article\">\n\t\t<figure class=\"post-gallery\"><img loading=\"lazy\" decoding=\"async\" width=\"600\" height=\"400\" src=\"https:\/\/www.psib-psoe.org\/mallorca\/wp-content\/uploads\/030225-Executiva-FSM-600x400.jpeg\" class=\"attachment-notio-general-x2 size-notio-general-x2 wp-post-image\" alt=\"\" srcset=\"https:\/\/www.psib-psoe.org\/mallorca\/wp-content\/uploads\/030225-Executiva-FSM-600x400.jpeg 600w, https:\/\/www.psib-psoe.org\/mallorca\/wp-content\/uploads\/030225-Executiva-FSM-300x200.jpeg 300w, https:\/\/www.psib-psoe.org\/mallorca\/wp-content\/uploads\/030225-Executiva-FSM-900x600.jpeg 900w, https:\/\/www.psib-psoe.org\/mallorca\/wp-content\/uploads\/030225-Executiva-FSM-20x13.jpeg 20w\" sizes=\"(max-width: 600px) 100vw, 600px\" \/><\/figure>\n\t\t<div class=\"blog-top\">\n\t\t\t<header class=\"post-title entry-header\">\n\t\t\t\t<aside class=\"post-meta cf\">\n\t\t03\/02\/2025 \/ <a href=\"https:\/\/www.psib-psoe.org\/mallorca\/category\/federacio-de-mallorca\/\" rel=\"category tag\">Federaci\u00f3 de Mallorca<\/a>, <a href=\"https:\/\/www.psib-psoe.org\/mallorca\/category\/federacio-de-mallorca-portada\/\" rel=\"category tag\">Federaci\u00f3 de Mallorca - Portada<\/a>, <a href=\"https:\/\/www.psib-psoe.org\/mallorca\/category\/municipis\/\" rel=\"category tag\">Municipis<\/a>, <a href=\"https:\/\/www.psib-psoe.org\/mallorca\/category\/portada\/\" rel=\"category tag\">Portada<\/a><\/aside>\n\t\t\t\t<h3 itemprop=\"headline\"><a href=\"https:\/\/www.psib-psoe.org\/mallorca\/els-socialistes-de-mallorca-lamenten-que-els-pactes-ppvox-mantenen-lilla-paralitzada-i-es-presenten-com-a-alternativa-de-govern\/\" title=\"Els Socialistes de Mallorca lamenten que els pactes PPVox mantenen l\u2019illa \u201cparalitzada\u201d i es presenten com a \u201calternativa de govern\u201d.\">Els Socialistes de Mallorca lamenten que els pactes PPVox mantenen l\u2019illa \u201cparalitzada\u201d i es presenten com a \u201calternativa de govern\u201d.<\/a><\/h3>\n\t\t\t<\/header>\n\t\t<\/div>\n\t\t<div class=\"post-content\">\n\t\t\t<a href=\"https:\/\/www.psib-psoe.org\/mallorca\/els-socialistes-de-mallorca-lamenten-que-els-pactes-ppvox-mantenen-lilla-paralitzada-i-es-presenten-com-a-alternativa-de-govern\/\" class=\"more-link\">Read More<\/a>\n\t\t<\/div>\n\t\t\t<aside class=\"post-bottom-meta hide\">\n\t\t<strong rel=\"author\" itemprop=\"author\" class=\"author vcard\"><span class=\"fn\">Albert<\/span><\/strong>\n\t\t<time class=\"date published time\" datetime=\"2025-02-03T19:59:45+02:00\" itemprop=\"datePublished\" content=\"2025-02-03T19:59:45+02:00\">03\/02\/2025<\/time>\n\t\t<meta itemprop=\"dateModified\" class=\"date updated\" content=\"2025-02-03T19:59:50+02:00\">\n\t\t<span class=\"hide\" itemprop=\"publisher\" itemscope itemtype=\"https:\/\/schema.org\/Organization\">\n\t\t\t<meta itemprop=\"name\" content=\"SocialistesdMca\">\n\t\t\t<span itemprop=\"logo\" itemscope itemtype=\"https:\/\/schema.org\/ImageObject\">\n\t\t\t\t<meta itemprop=\"url\" content=\"https:\/\/www.psib-psoe.org\/mallorca\/wp-content\/themes\/notio-wp\/assets\/img\/logo.png\">\n\t\t\t<\/span>\n\t\t\t<meta itemprop=\"url\" content=\"https:\/\/www.psib-psoe.org\/mallorca\/\">\n\t\t<\/span>\n\t\t\t\t<span class=\"hide\" itemprop=\"image\" itemscope itemtype=\"http:\/\/schema.org\/ImageObject\">\n\t\t\t<meta itemprop=\"url\" content=\"https:\/\/www.psib-psoe.org\/mallorca\/wp-content\/uploads\/030225-Executiva-FSM.jpeg\">\n\t\t\t<meta itemprop=\"width\" content=\"2560\">\n\t\t\t<meta itemprop=\"height\" content=\"1920\">\n\t\t<\/span>\n\t\t\t\t<meta itemscope itemprop=\"mainEntityOfPage\" itemtype=\"https:\/\/schema.org\/WebPage\" itemid=\"https:\/\/www.psib-psoe.org\/mallorca\/els-socialistes-de-mallorca-lamenten-que-els-pactes-ppvox-mantenen-lilla-paralitzada-i-es-presenten-com-a-alternativa-de-govern\/\">\n\t<\/aside>\n\t\t<\/article>\n<\/div>\n<div class=\"small-12 large-4 columns\">\n\t<article itemscope itemtype=\"http:\/\/schema.org\/Article\" class=\"post blog-style7 alt post-29423 type-post status-publish format-standard has-post-thumbnail hentry category-federacio-de-mallorca category-federacio-de-mallorca-portada category-municipis category-portada tag-antonia-sastre tag-catalina-cladera tag-javier-de-juan tag-joan-ferrer tag-juana-m-adrover tag-psib-psoe\" role=\"article\">\n\t\t<figure class=\"post-gallery\"><img loading=\"lazy\" decoding=\"async\" width=\"600\" height=\"400\" src=\"https:\/\/www.psib-psoe.org\/mallorca\/wp-content\/uploads\/Registre-Allegacions-Llei-600x400.jpg\" class=\"attachment-notio-general-x2 size-notio-general-x2 wp-post-image\" alt=\"\" srcset=\"https:\/\/www.psib-psoe.org\/mallorca\/wp-content\/uploads\/Registre-Allegacions-Llei-600x400.jpg 600w, https:\/\/www.psib-psoe.org\/mallorca\/wp-content\/uploads\/Registre-Allegacions-Llei-300x200.jpg 300w, https:\/\/www.psib-psoe.org\/mallorca\/wp-content\/uploads\/Registre-Allegacions-Llei-900x600.jpg 900w, https:\/\/www.psib-psoe.org\/mallorca\/wp-content\/uploads\/Registre-Allegacions-Llei-20x13.jpg 20w\" sizes=\"(max-width: 600px) 100vw, 600px\" \/><\/figure>\n\t\t<div class=\"blog-top\">\n\t\t\t<header class=\"post-title entry-header\">\n\t\t\t\t<aside class=\"post-meta cf\">\n\t\t03\/02\/2025 \/ <a href=\"https:\/\/www.psib-psoe.org\/mallorca\/category\/federacio-de-mallorca\/\" rel=\"category tag\">Federaci\u00f3 de Mallorca<\/a>, <a href=\"https:\/\/www.psib-psoe.org\/mallorca\/category\/federacio-de-mallorca-portada\/\" rel=\"category tag\">Federaci\u00f3 de Mallorca - Portada<\/a>, <a href=\"https:\/\/www.psib-psoe.org\/mallorca\/category\/municipis\/\" rel=\"category tag\">Municipis<\/a>, <a href=\"https:\/\/www.psib-psoe.org\/mallorca\/category\/portada\/\" rel=\"category tag\">Portada<\/a><\/aside>\n\t\t\t\t<h3 itemprop=\"headline\"><a href=\"https:\/\/www.psib-psoe.org\/mallorca\/el-grup-socialista-al-consell-presenta-allegacions-al-projecte-de-llei-de-la-serra-de-tramuntana-per-millorar-una-iniciativa-dubtosa-de-ppvox-que-posa-en-risc-la-declaracio-de-patrimoni-de\/\" title=\"El Grup Socialista al Consell presenta al\u00b7legacions al projecte de Llei de la Serra de Tramuntana, per millorar \u201cuna iniciativa dubtosa de PPVox, que posa en risc la declaraci\u00f3 de Patrimoni de la UNESCO\u201d.\">El Grup Socialista al Consell presenta al\u00b7legacions al projecte de Llei de la Serra de Tramuntana, per millorar \u201cuna iniciativa dubtosa de PPVox, que posa en risc la declaraci\u00f3 de Patrimoni de la UNESCO\u201d.<\/a><\/h3>\n\t\t\t<\/header>\n\t\t<\/div>\n\t\t<div class=\"post-content\">\n\t\t\t<a href=\"https:\/\/www.psib-psoe.org\/mallorca\/el-grup-socialista-al-consell-presenta-allegacions-al-projecte-de-llei-de-la-serra-de-tramuntana-per-millorar-una-iniciativa-dubtosa-de-ppvox-que-posa-en-risc-la-declaracio-de-patrimoni-de\/\" class=\"more-link\">Read More<\/a>\n\t\t<\/div>\n\t\t\t<aside class=\"post-bottom-meta hide\">\n\t\t<strong rel=\"author\" itemprop=\"author\" class=\"author vcard\"><span class=\"fn\">Albert<\/span><\/strong>\n\t\t<time class=\"date published time\" datetime=\"2025-02-03T12:54:17+02:00\" itemprop=\"datePublished\" content=\"2025-02-03T12:54:17+02:00\">03\/02\/2025<\/time>\n\t\t<meta itemprop=\"dateModified\" class=\"date updated\" content=\"2025-02-03T12:54:19+02:00\">\n\t\t<span class=\"hide\" itemprop=\"publisher\" itemscope itemtype=\"https:\/\/schema.org\/Organization\">\n\t\t\t<meta itemprop=\"name\" content=\"SocialistesdMca\">\n\t\t\t<span itemprop=\"logo\" itemscope itemtype=\"https:\/\/schema.org\/ImageObject\">\n\t\t\t\t<meta itemprop=\"url\" content=\"https:\/\/www.psib-psoe.org\/mallorca\/wp-content\/themes\/notio-wp\/assets\/img\/logo.png\">\n\t\t\t<\/span>\n\t\t\t<meta itemprop=\"url\" content=\"https:\/\/www.psib-psoe.org\/mallorca\/\">\n\t\t<\/span>\n\t\t\t\t<span class=\"hide\" itemprop=\"image\" itemscope itemtype=\"http:\/\/schema.org\/ImageObject\">\n\t\t\t<meta itemprop=\"url\" content=\"https:\/\/www.psib-psoe.org\/mallorca\/wp-content\/uploads\/Registre-Allegacions-Llei.jpg\">\n\t\t\t<meta itemprop=\"width\" content=\"1280\">\n\t\t\t<meta itemprop=\"height\" content=\"960\">\n\t\t<\/span>\n\t\t\t\t<meta itemscope itemprop=\"mainEntityOfPage\" itemtype=\"https:\/\/schema.org\/WebPage\" itemid=\"https:\/\/www.psib-psoe.org\/mallorca\/el-grup-socialista-al-consell-presenta-allegacions-al-projecte-de-llei-de-la-serra-de-tramuntana-per-millorar-una-iniciativa-dubtosa-de-ppvox-que-posa-en-risc-la-declaracio-de-patrimoni-de\/\">\n\t<\/aside>\n\t\t<\/article>\n<\/div>\n<div class=\"small-12 large-4 columns\">\n\t<article itemscope itemtype=\"http:\/\/schema.org\/Article\" class=\"post blog-style7 alt post-29418 type-post status-publish format-standard has-post-thumbnail hentry category-federacio-de-mallorca category-federacio-de-mallorca-portada category-municipis category-portada tag-agrupacio-socialista-de-bunyola tag-amanda-fernandez tag-ares-fernandez tag-bea-gamundi tag-carles-bona tag-catalina-cladera tag-paca-orell tag-psib-psoe\" role=\"article\">\n\t\t<figure class=\"post-gallery\"><img loading=\"lazy\" decoding=\"async\" width=\"600\" height=\"400\" src=\"https:\/\/www.psib-psoe.org\/mallorca\/wp-content\/uploads\/Regidors-Bunyola-600x400.jpeg\" class=\"attachment-notio-general-x2 size-notio-general-x2 wp-post-image\" alt=\"\" srcset=\"https:\/\/www.psib-psoe.org\/mallorca\/wp-content\/uploads\/Regidors-Bunyola-600x400.jpeg 600w, https:\/\/www.psib-psoe.org\/mallorca\/wp-content\/uploads\/Regidors-Bunyola-300x200.jpeg 300w, https:\/\/www.psib-psoe.org\/mallorca\/wp-content\/uploads\/Regidors-Bunyola-900x600.jpeg 900w, https:\/\/www.psib-psoe.org\/mallorca\/wp-content\/uploads\/Regidors-Bunyola-20x13.jpeg 20w\" sizes=\"(max-width: 600px) 100vw, 600px\" \/><\/figure>\n\t\t<div class=\"blog-top\">\n\t\t\t<header class=\"post-title entry-header\">\n\t\t\t\t<aside class=\"post-meta cf\">\n\t\t01\/02\/2025 \/ <a href=\"https:\/\/www.psib-psoe.org\/mallorca\/category\/federacio-de-mallorca\/\" rel=\"category tag\">Federaci\u00f3 de Mallorca<\/a>, <a href=\"https:\/\/www.psib-psoe.org\/mallorca\/category\/federacio-de-mallorca-portada\/\" rel=\"category tag\">Federaci\u00f3 de Mallorca - Portada<\/a>, <a href=\"https:\/\/www.psib-psoe.org\/mallorca\/category\/municipis\/\" rel=\"category tag\">Municipis<\/a>, <a href=\"https:\/\/www.psib-psoe.org\/mallorca\/category\/portada\/\" rel=\"category tag\">Portada<\/a><\/aside>\n\t\t\t\t<h3 itemprop=\"headline\"><a href=\"https:\/\/www.psib-psoe.org\/mallorca\/els-socialistes-de-bunyola-denuncien-que-la-crisi-de-govern-entre-pp-i-somavi-el-pi-afecta-greument-la-gestio-de-lajuntament\/\" title=\"Els Socialistes de Bunyola plantegen un acord a l\u2019equip de govern per permetre l\u2019aprovaci\u00f3 del pressupost 2025.\">Els Socialistes de Bunyola plantegen un acord a l\u2019equip de govern per permetre l\u2019aprovaci\u00f3 del pressupost 2025.<\/a><\/h3>\n\t\t\t<\/header>\n\t\t<\/div>\n\t\t<div class=\"post-content\">\n\t\t\t<a href=\"https:\/\/www.psib-psoe.org\/mallorca\/els-socialistes-de-bunyola-denuncien-que-la-crisi-de-govern-entre-pp-i-somavi-el-pi-afecta-greument-la-gestio-de-lajuntament\/\" class=\"more-link\">Read More<\/a>\n\t\t<\/div>\n\t\t\t<aside class=\"post-bottom-meta hide\">\n\t\t<strong rel=\"author\" itemprop=\"author\" class=\"author vcard\"><span class=\"fn\">Albert<\/span><\/strong>\n\t\t<time class=\"date published time\" datetime=\"2025-02-01T12:07:40+02:00\" itemprop=\"datePublished\" content=\"2025-02-01T12:07:40+02:00\">01\/02\/2025<\/time>\n\t\t<meta itemprop=\"dateModified\" class=\"date updated\" content=\"2025-04-09T10:30:25+02:00\">\n\t\t<span class=\"hide\" itemprop=\"publisher\" itemscope itemtype=\"https:\/\/schema.org\/Organization\">\n\t\t\t<meta itemprop=\"name\" content=\"SocialistesdMca\">\n\t\t\t<span itemprop=\"logo\" itemscope itemtype=\"https:\/\/schema.org\/ImageObject\">\n\t\t\t\t<meta itemprop=\"url\" content=\"https:\/\/www.psib-psoe.org\/mallorca\/wp-content\/themes\/notio-wp\/assets\/img\/logo.png\">\n\t\t\t<\/span>\n\t\t\t<meta itemprop=\"url\" content=\"https:\/\/www.psib-psoe.org\/mallorca\/\">\n\t\t<\/span>\n\t\t\t\t<span class=\"hide\" itemprop=\"image\" itemscope itemtype=\"http:\/\/schema.org\/ImageObject\">\n\t\t\t<meta itemprop=\"url\" content=\"https:\/\/www.psib-psoe.org\/mallorca\/wp-content\/uploads\/Regidors-Bunyola-scaled.jpeg\">\n\t\t\t<meta itemprop=\"width\" content=\"2560\">\n\t\t\t<meta itemprop=\"height\" content=\"1920\">\n\t\t<\/span>\n\t\t\t\t<meta itemscope itemprop=\"mainEntityOfPage\" itemtype=\"https:\/\/schema.org\/WebPage\" itemid=\"https:\/\/www.psib-psoe.org\/mallorca\/els-socialistes-de-bunyola-denuncien-que-la-crisi-de-govern-entre-pp-i-somavi-el-pi-afecta-greument-la-gestio-de-lajuntament\/\">\n\t<\/aside>\n\t\t<\/article>\n<\/div>\n<div class=\"small-12 large-4 columns\">\n\t<article itemscope itemtype=\"http:\/\/schema.org\/Article\" class=\"post blog-style7 alt post-29416 type-post status-publish format-standard has-post-thumbnail hentry category-federacio-de-mallorca category-federacio-de-mallorca-portada category-municipis category-portada tag-antonia-sastre tag-bea-gamundi tag-catalina-cladera tag-guillem-ensenyat tag-javier-de-juan tag-per-estellencs tag-psib-psoe\" role=\"article\">\n\t\t<figure class=\"post-gallery\"><img loading=\"lazy\" decoding=\"async\" width=\"200\" height=\"179\" src=\"https:\/\/www.psib-psoe.org\/mallorca\/wp-content\/uploads\/Per-Estellencs.jpg\" class=\"attachment-notio-general-x2 size-notio-general-x2 wp-post-image\" alt=\"\" srcset=\"https:\/\/www.psib-psoe.org\/mallorca\/wp-content\/uploads\/Per-Estellencs.jpg 200w, https:\/\/www.psib-psoe.org\/mallorca\/wp-content\/uploads\/Per-Estellencs-20x18.jpg 20w, https:\/\/www.psib-psoe.org\/mallorca\/wp-content\/uploads\/Per-Estellencs-150x134.jpg 150w\" sizes=\"(max-width: 200px) 100vw, 200px\" \/><\/figure>\n\t\t<div class=\"blog-top\">\n\t\t\t<header class=\"post-title entry-header\">\n\t\t\t\t<aside class=\"post-meta cf\">\n\t\t31\/01\/2025 \/ <a href=\"https:\/\/www.psib-psoe.org\/mallorca\/category\/federacio-de-mallorca\/\" rel=\"category tag\">Federaci\u00f3 de Mallorca<\/a>, <a href=\"https:\/\/www.psib-psoe.org\/mallorca\/category\/federacio-de-mallorca-portada\/\" rel=\"category tag\">Federaci\u00f3 de Mallorca - Portada<\/a>, <a href=\"https:\/\/www.psib-psoe.org\/mallorca\/category\/municipis\/\" rel=\"category tag\">Municipis<\/a>, <a href=\"https:\/\/www.psib-psoe.org\/mallorca\/category\/portada\/\" rel=\"category tag\">Portada<\/a><\/aside>\n\t\t\t\t<h3 itemprop=\"headline\"><a href=\"https:\/\/www.psib-psoe.org\/mallorca\/per-estellencs-exigeix-a-lajuntament-que-reguli-lus-de-petards-i-focs-artificials-al-municipi\/\" title=\"Per Estellencs exigeix a l\u2019Ajuntament que reguli l\u2019\u00fas de petards i focs artificials al municipi.\">Per Estellencs exigeix a l\u2019Ajuntament que reguli l\u2019\u00fas de petards i focs artificials al municipi.<\/a><\/h3>\n\t\t\t<\/header>\n\t\t<\/div>\n\t\t<div class=\"post-content\">\n\t\t\t<a href=\"https:\/\/www.psib-psoe.org\/mallorca\/per-estellencs-exigeix-a-lajuntament-que-reguli-lus-de-petards-i-focs-artificials-al-municipi\/\" class=\"more-link\">Read More<\/a>\n\t\t<\/div>\n\t\t\t<aside class=\"post-bottom-meta hide\">\n\t\t<strong rel=\"author\" itemprop=\"author\" class=\"author vcard\"><span class=\"fn\">Albert<\/span><\/strong>\n\t\t<time class=\"date published time\" datetime=\"2025-01-31T17:24:59+02:00\" itemprop=\"datePublished\" content=\"2025-01-31T17:24:59+02:00\">31\/01\/2025<\/time>\n\t\t<meta itemprop=\"dateModified\" class=\"date updated\" content=\"2025-01-31T17:25:01+02:00\">\n\t\t<span class=\"hide\" itemprop=\"publisher\" itemscope itemtype=\"https:\/\/schema.org\/Organization\">\n\t\t\t<meta itemprop=\"name\" content=\"SocialistesdMca\">\n\t\t\t<span itemprop=\"logo\" itemscope itemtype=\"https:\/\/schema.org\/ImageObject\">\n\t\t\t\t<meta itemprop=\"url\" content=\"https:\/\/www.psib-psoe.org\/mallorca\/wp-content\/themes\/notio-wp\/assets\/img\/logo.png\">\n\t\t\t<\/span>\n\t\t\t<meta itemprop=\"url\" content=\"https:\/\/www.psib-psoe.org\/mallorca\/\">\n\t\t<\/span>\n\t\t\t\t<span class=\"hide\" itemprop=\"image\" itemscope itemtype=\"http:\/\/schema.org\/ImageObject\">\n\t\t\t<meta itemprop=\"url\" content=\"https:\/\/www.psib-psoe.org\/mallorca\/wp-content\/uploads\/Per-Estellencs.jpg\">\n\t\t\t<meta itemprop=\"width\" content=\"200\">\n\t\t\t<meta itemprop=\"height\" content=\"179\">\n\t\t<\/span>\n\t\t\t\t<meta itemscope itemprop=\"mainEntityOfPage\" itemtype=\"https:\/\/schema.org\/WebPage\" itemid=\"https:\/\/www.psib-psoe.org\/mallorca\/per-estellencs-exigeix-a-lajuntament-que-reguli-lus-de-petards-i-focs-artificials-al-municipi\/\">\n\t<\/aside>\n\t\t<\/article>\n<\/div>\n<div class=\"small-12 large-4 columns\">\n\t<article itemscope itemtype=\"http:\/\/schema.org\/Article\" class=\"post blog-style7 alt post-29412 type-post status-publish format-standard has-post-thumbnail hentry category-federacio-de-mallorca category-federacio-de-mallorca-portada category-municipis category-portada tag-agrupacio-socialista-de-valldemossa tag-antonia-sastre tag-bea-gamundi tag-catalina-cladera tag-jaume-x-rossello tag-javier-de-juan tag-psib-psoe\" role=\"article\">\n\t\t<figure class=\"post-gallery\"><img loading=\"lazy\" decoding=\"async\" width=\"600\" height=\"400\" src=\"https:\/\/www.psib-psoe.org\/mallorca\/wp-content\/uploads\/Executiva-Valldemossa-1-600x400.jpeg\" class=\"attachment-notio-general-x2 size-notio-general-x2 wp-post-image\" alt=\"\" srcset=\"https:\/\/www.psib-psoe.org\/mallorca\/wp-content\/uploads\/Executiva-Valldemossa-1-600x400.jpeg 600w, https:\/\/www.psib-psoe.org\/mallorca\/wp-content\/uploads\/Executiva-Valldemossa-1-300x200.jpeg 300w, https:\/\/www.psib-psoe.org\/mallorca\/wp-content\/uploads\/Executiva-Valldemossa-1-20x13.jpeg 20w, https:\/\/www.psib-psoe.org\/mallorca\/wp-content\/uploads\/Executiva-Valldemossa-1-900x600.jpeg 900w\" sizes=\"(max-width: 600px) 100vw, 600px\" \/><\/figure>\n\t\t<div class=\"blog-top\">\n\t\t\t<header class=\"post-title entry-header\">\n\t\t\t\t<aside class=\"post-meta cf\">\n\t\t31\/01\/2025 \/ <a href=\"https:\/\/www.psib-psoe.org\/mallorca\/category\/federacio-de-mallorca\/\" rel=\"category tag\">Federaci\u00f3 de Mallorca<\/a>, <a href=\"https:\/\/www.psib-psoe.org\/mallorca\/category\/federacio-de-mallorca-portada\/\" rel=\"category tag\">Federaci\u00f3 de Mallorca - Portada<\/a>, <a href=\"https:\/\/www.psib-psoe.org\/mallorca\/category\/municipis\/\" rel=\"category tag\">Municipis<\/a>, <a href=\"https:\/\/www.psib-psoe.org\/mallorca\/category\/portada\/\" rel=\"category tag\">Portada<\/a><\/aside>\n\t\t\t\t<h3 itemprop=\"headline\"><a href=\"https:\/\/www.psib-psoe.org\/mallorca\/els-socialistes-de-valldemossa-fan-suport-a-treballadores-i-comunitat-educativa-del-municipi-davant-la-convocatoria-de-vaga-del-personal-de-lescoleta-municipal\/\" title=\"Els Socialistes de Valldemossa fan suport a treballadores i comunitat educativa del municipi davant la convocat\u00f2ria de vaga del personal de l\u2019Escoleta Municipal.\">Els Socialistes de Valldemossa fan suport a treballadores i comunitat educativa del municipi davant la convocat\u00f2ria de vaga del personal de l\u2019Escoleta Municipal.<\/a><\/h3>\n\t\t\t<\/header>\n\t\t<\/div>\n\t\t<div class=\"post-content\">\n\t\t\t<a href=\"https:\/\/www.psib-psoe.org\/mallorca\/els-socialistes-de-valldemossa-fan-suport-a-treballadores-i-comunitat-educativa-del-municipi-davant-la-convocatoria-de-vaga-del-personal-de-lescoleta-municipal\/\" class=\"more-link\">Read More<\/a>\n\t\t<\/div>\n\t\t\t<aside class=\"post-bottom-meta hide\">\n\t\t<strong rel=\"author\" itemprop=\"author\" class=\"author vcard\"><span class=\"fn\">Albert<\/span><\/strong>\n\t\t<time class=\"date published time\" datetime=\"2025-01-31T17:19:39+02:00\" itemprop=\"datePublished\" content=\"2025-01-31T17:19:39+02:00\">31\/01\/2025<\/time>\n\t\t<meta itemprop=\"dateModified\" class=\"date updated\" content=\"2025-01-31T17:19:41+02:00\">\n\t\t<span class=\"hide\" itemprop=\"publisher\" itemscope itemtype=\"https:\/\/schema.org\/Organization\">\n\t\t\t<meta itemprop=\"name\" content=\"SocialistesdMca\">\n\t\t\t<span itemprop=\"logo\" itemscope itemtype=\"https:\/\/schema.org\/ImageObject\">\n\t\t\t\t<meta itemprop=\"url\" content=\"https:\/\/www.psib-psoe.org\/mallorca\/wp-content\/themes\/notio-wp\/assets\/img\/logo.png\">\n\t\t\t<\/span>\n\t\t\t<meta itemprop=\"url\" content=\"https:\/\/www.psib-psoe.org\/mallorca\/\">\n\t\t<\/span>\n\t\t\t\t<span class=\"hide\" itemprop=\"image\" itemscope itemtype=\"http:\/\/schema.org\/ImageObject\">\n\t\t\t<meta itemprop=\"url\" content=\"https:\/\/www.psib-psoe.org\/mallorca\/wp-content\/uploads\/Executiva-Valldemossa-1.jpeg\">\n\t\t\t<meta itemprop=\"width\" content=\"1417\">\n\t\t\t<meta itemprop=\"height\" content=\"820\">\n\t\t<\/span>\n\t\t\t\t<meta itemscope itemprop=\"mainEntityOfPage\" itemtype=\"https:\/\/schema.org\/WebPage\" itemid=\"https:\/\/www.psib-psoe.org\/mallorca\/els-socialistes-de-valldemossa-fan-suport-a-treballadores-i-comunitat-educativa-del-municipi-davant-la-convocatoria-de-vaga-del-personal-de-lescoleta-municipal\/\">\n\t<\/aside>\n\t\t<\/article>\n<\/div>\n<div class=\"small-12 large-4 columns\">\n\t<article itemscope itemtype=\"http:\/\/schema.org\/Article\" class=\"post blog-style7 alt post-29409 type-post status-publish format-standard has-post-thumbnail hentry category-federacio-de-mallorca category-federacio-de-mallorca-portada category-municipis category-portada tag-agrupacio-socialista-de-santa-margalida tag-psib-psoe tag-santa-margalida tag-xisca-gamundi tag-xisco-bergas\" role=\"article\">\n\t\t<figure class=\"post-gallery\"><img loading=\"lazy\" decoding=\"async\" width=\"600\" height=\"400\" src=\"https:\/\/www.psib-psoe.org\/mallorca\/wp-content\/uploads\/300125_Socialistes-Santa-Margalida-600x400.jpeg\" class=\"attachment-notio-general-x2 size-notio-general-x2 wp-post-image\" alt=\"\" srcset=\"https:\/\/www.psib-psoe.org\/mallorca\/wp-content\/uploads\/300125_Socialistes-Santa-Margalida-600x400.jpeg 600w, https:\/\/www.psib-psoe.org\/mallorca\/wp-content\/uploads\/300125_Socialistes-Santa-Margalida-300x200.jpeg 300w, https:\/\/www.psib-psoe.org\/mallorca\/wp-content\/uploads\/300125_Socialistes-Santa-Margalida-900x600.jpeg 900w, https:\/\/www.psib-psoe.org\/mallorca\/wp-content\/uploads\/300125_Socialistes-Santa-Margalida-20x13.jpeg 20w\" sizes=\"(max-width: 600px) 100vw, 600px\" \/><\/figure>\n\t\t<div class=\"blog-top\">\n\t\t\t<header class=\"post-title entry-header\">\n\t\t\t\t<aside class=\"post-meta cf\">\n\t\t30\/01\/2025 \/ <a href=\"https:\/\/www.psib-psoe.org\/mallorca\/category\/federacio-de-mallorca\/\" rel=\"category tag\">Federaci\u00f3 de Mallorca<\/a>, <a href=\"https:\/\/www.psib-psoe.org\/mallorca\/category\/federacio-de-mallorca-portada\/\" rel=\"category tag\">Federaci\u00f3 de Mallorca - Portada<\/a>, <a href=\"https:\/\/www.psib-psoe.org\/mallorca\/category\/municipis\/\" rel=\"category tag\">Municipis<\/a>, <a href=\"https:\/\/www.psib-psoe.org\/mallorca\/category\/portada\/\" rel=\"category tag\">Portada<\/a><\/aside>\n\t\t\t\t<h3 itemprop=\"headline\"><a href=\"https:\/\/www.psib-psoe.org\/mallorca\/els-socialistes-de-santa-margalida-exigeixen-lobertura-immediata-de-la-unitat-basica-de-salut\/\" title=\"Els Socialistes de Santa Margalida exigeixen l&#8217;obertura immediata de la Unitat B\u00e0sica de Salut\">Els Socialistes de Santa Margalida exigeixen l&#8217;obertura immediata de la Unitat B\u00e0sica de Salut<\/a><\/h3>\n\t\t\t<\/header>\n\t\t<\/div>\n\t\t<div class=\"post-content\">\n\t\t\t<a href=\"https:\/\/www.psib-psoe.org\/mallorca\/els-socialistes-de-santa-margalida-exigeixen-lobertura-immediata-de-la-unitat-basica-de-salut\/\" class=\"more-link\">Read More<\/a>\n\t\t<\/div>\n\t\t\t<aside class=\"post-bottom-meta hide\">\n\t\t<strong rel=\"author\" itemprop=\"author\" class=\"author vcard\"><span class=\"fn\">Socialistes de Mallorca<\/span><\/strong>\n\t\t<time class=\"date published time\" datetime=\"2025-01-30T14:24:13+02:00\" itemprop=\"datePublished\" content=\"2025-01-30T14:24:13+02:00\">30\/01\/2025<\/time>\n\t\t<meta itemprop=\"dateModified\" class=\"date updated\" content=\"2025-01-30T14:24:14+02:00\">\n\t\t<span class=\"hide\" itemprop=\"publisher\" itemscope itemtype=\"https:\/\/schema.org\/Organization\">\n\t\t\t<meta itemprop=\"name\" content=\"SocialistesdMca\">\n\t\t\t<span itemprop=\"logo\" itemscope itemtype=\"https:\/\/schema.org\/ImageObject\">\n\t\t\t\t<meta itemprop=\"url\" content=\"https:\/\/www.psib-psoe.org\/mallorca\/wp-content\/themes\/notio-wp\/assets\/img\/logo.png\">\n\t\t\t<\/span>\n\t\t\t<meta itemprop=\"url\" content=\"https:\/\/www.psib-psoe.org\/mallorca\/\">\n\t\t<\/span>\n\t\t\t\t<span class=\"hide\" itemprop=\"image\" itemscope itemtype=\"http:\/\/schema.org\/ImageObject\">\n\t\t\t<meta itemprop=\"url\" content=\"https:\/\/www.psib-psoe.org\/mallorca\/wp-content\/uploads\/300125_Socialistes-Santa-Margalida.jpeg\">\n\t\t\t<meta itemprop=\"width\" content=\"1600\">\n\t\t\t<meta itemprop=\"height\" content=\"1200\">\n\t\t<\/span>\n\t\t\t\t<meta itemscope itemprop=\"mainEntityOfPage\" itemtype=\"https:\/\/schema.org\/WebPage\" itemid=\"https:\/\/www.psib-psoe.org\/mallorca\/els-socialistes-de-santa-margalida-exigeixen-lobertura-immediata-de-la-unitat-basica-de-salut\/\">\n\t<\/aside>\n\t\t<\/article>\n<\/div>\n<div class=\"small-12 large-4 columns\">\n\t<article itemscope itemtype=\"http:\/\/schema.org\/Article\" class=\"post blog-style7 alt post-29407 type-post status-publish format-standard has-post-thumbnail hentry category-federacio-de-mallorca category-federacio-de-mallorca-portada category-municipis category-portada tag-agrupacio-socialista-de-capdepera tag-agrupacio-socialista-de-sa-pobla tag-catalina-cladera tag-federacio-socialista-de-mallorca\" role=\"article\">\n\t\t<figure class=\"post-gallery\"><img loading=\"lazy\" decoding=\"async\" width=\"600\" height=\"400\" src=\"https:\/\/www.psib-psoe.org\/mallorca\/wp-content\/uploads\/Disseny-sense-ti\u0301tol-19-600x400.jpg\" class=\"attachment-notio-general-x2 size-notio-general-x2 wp-post-image\" alt=\"\" srcset=\"https:\/\/www.psib-psoe.org\/mallorca\/wp-content\/uploads\/Disseny-sense-ti\u0301tol-19-600x400.jpg 600w, https:\/\/www.psib-psoe.org\/mallorca\/wp-content\/uploads\/Disseny-sense-ti\u0301tol-19-300x200.jpg 300w, https:\/\/www.psib-psoe.org\/mallorca\/wp-content\/uploads\/Disseny-sense-ti\u0301tol-19-900x600.jpg 900w, https:\/\/www.psib-psoe.org\/mallorca\/wp-content\/uploads\/Disseny-sense-ti\u0301tol-19-20x13.jpg 20w\" sizes=\"(max-width: 600px) 100vw, 600px\" \/><\/figure>\n\t\t<div class=\"blog-top\">\n\t\t\t<header class=\"post-title entry-header\">\n\t\t\t\t<aside class=\"post-meta cf\">\n\t\t29\/01\/2025 \/ <a href=\"https:\/\/www.psib-psoe.org\/mallorca\/category\/federacio-de-mallorca\/\" rel=\"category tag\">Federaci\u00f3 de Mallorca<\/a>, <a href=\"https:\/\/www.psib-psoe.org\/mallorca\/category\/federacio-de-mallorca-portada\/\" rel=\"category tag\">Federaci\u00f3 de Mallorca - Portada<\/a>, <a href=\"https:\/\/www.psib-psoe.org\/mallorca\/category\/municipis\/\" rel=\"category tag\">Municipis<\/a>, <a href=\"https:\/\/www.psib-psoe.org\/mallorca\/category\/portada\/\" rel=\"category tag\">Portada<\/a><\/aside>\n\t\t\t\t<h3 itemprop=\"headline\"><a href=\"https:\/\/www.psib-psoe.org\/mallorca\/la-batlessa-de-capdepera-no-aporta-cap-informacio-al-voltant-de-la-denuncia-per-obres-illegals-a-ca-seva-ni-assumeix-cap-responsabilitat\/\" title=\"La batlessa de Capdepera no aporta cap informaci\u00f3 al voltant de la den\u00fancia per obres il\u00b7legals a ca seva ni assumeix cap responsabilitat.\">La batlessa de Capdepera no aporta cap informaci\u00f3 al voltant de la den\u00fancia per obres il\u00b7legals a ca seva ni assumeix cap responsabilitat.<\/a><\/h3>\n\t\t\t<\/header>\n\t\t<\/div>\n\t\t<div class=\"post-content\">\n\t\t\t<a href=\"https:\/\/www.psib-psoe.org\/mallorca\/la-batlessa-de-capdepera-no-aporta-cap-informacio-al-voltant-de-la-denuncia-per-obres-illegals-a-ca-seva-ni-assumeix-cap-responsabilitat\/\" class=\"more-link\">Read More<\/a>\n\t\t<\/div>\n\t\t\t<aside class=\"post-bottom-meta hide\">\n\t\t<strong rel=\"author\" itemprop=\"author\" class=\"author vcard\"><span class=\"fn\">Albert<\/span><\/strong>\n\t\t<time class=\"date published time\" datetime=\"2025-01-29T14:00:24+02:00\" itemprop=\"datePublished\" content=\"2025-01-29T14:00:24+02:00\">29\/01\/2025<\/time>\n\t\t<meta itemprop=\"dateModified\" class=\"date updated\" content=\"2025-01-29T14:00:25+02:00\">\n\t\t<span class=\"hide\" itemprop=\"publisher\" itemscope itemtype=\"https:\/\/schema.org\/Organization\">\n\t\t\t<meta itemprop=\"name\" content=\"SocialistesdMca\">\n\t\t\t<span itemprop=\"logo\" itemscope itemtype=\"https:\/\/schema.org\/ImageObject\">\n\t\t\t\t<meta itemprop=\"url\" content=\"https:\/\/www.psib-psoe.org\/mallorca\/wp-content\/themes\/notio-wp\/assets\/img\/logo.png\">\n\t\t\t<\/span>\n\t\t\t<meta itemprop=\"url\" content=\"https:\/\/www.psib-psoe.org\/mallorca\/\">\n\t\t<\/span>\n\t\t\t\t<span class=\"hide\" itemprop=\"image\" itemscope itemtype=\"http:\/\/schema.org\/ImageObject\">\n\t\t\t<meta itemprop=\"url\" content=\"https:\/\/www.psib-psoe.org\/mallorca\/wp-content\/uploads\/Disseny-sense-ti\u0301tol-19.jpg\">\n\t\t\t<meta itemprop=\"width\" content=\"1080\">\n\t\t\t<meta itemprop=\"height\" content=\"1080\">\n\t\t<\/span>\n\t\t\t\t<meta itemscope itemprop=\"mainEntityOfPage\" itemtype=\"https:\/\/schema.org\/WebPage\" itemid=\"https:\/\/www.psib-psoe.org\/mallorca\/la-batlessa-de-capdepera-no-aporta-cap-informacio-al-voltant-de-la-denuncia-per-obres-illegals-a-ca-seva-ni-assumeix-cap-responsabilitat\/\">\n\t<\/aside>\n\t\t<\/article>\n<\/div>\n<div class=\"small-12 large-4 columns\">\n\t<article itemscope itemtype=\"http:\/\/schema.org\/Article\" class=\"post blog-style7 alt post-29404 type-post status-publish format-standard has-post-thumbnail hentry category-federacio-de-mallorca category-federacio-de-mallorca-portada category-municipis category-portada tag-andreu-serra tag-bea-gamundi tag-biel-alomar tag-catalina-cladera tag-federacio-socialista-de-mallorca tag-javier-de-juan tag-joan-ferrer tag-juana-m-adrover tag-maria-antonia-truyols tag-sofia-alonso\" role=\"article\">\n\t\t<figure class=\"post-gallery\"><img loading=\"lazy\" decoding=\"async\" width=\"600\" height=\"400\" src=\"https:\/\/www.psib-psoe.org\/mallorca\/wp-content\/uploads\/ple-090125-1-600x400.jpeg\" class=\"attachment-notio-general-x2 size-notio-general-x2 wp-post-image\" alt=\"\" srcset=\"https:\/\/www.psib-psoe.org\/mallorca\/wp-content\/uploads\/ple-090125-1-600x400.jpeg 600w, https:\/\/www.psib-psoe.org\/mallorca\/wp-content\/uploads\/ple-090125-1-300x200.jpeg 300w, https:\/\/www.psib-psoe.org\/mallorca\/wp-content\/uploads\/ple-090125-1-900x600.jpeg 900w, https:\/\/www.psib-psoe.org\/mallorca\/wp-content\/uploads\/ple-090125-1-20x13.jpeg 20w\" sizes=\"(max-width: 600px) 100vw, 600px\" \/><\/figure>\n\t\t<div class=\"blog-top\">\n\t\t\t<header class=\"post-title entry-header\">\n\t\t\t\t<aside class=\"post-meta cf\">\n\t\t29\/01\/2025 \/ <a href=\"https:\/\/www.psib-psoe.org\/mallorca\/category\/federacio-de-mallorca\/\" rel=\"category tag\">Federaci\u00f3 de Mallorca<\/a>, <a href=\"https:\/\/www.psib-psoe.org\/mallorca\/category\/federacio-de-mallorca-portada\/\" rel=\"category tag\">Federaci\u00f3 de Mallorca - Portada<\/a>, <a href=\"https:\/\/www.psib-psoe.org\/mallorca\/category\/municipis\/\" rel=\"category tag\">Municipis<\/a>, <a href=\"https:\/\/www.psib-psoe.org\/mallorca\/category\/portada\/\" rel=\"category tag\">Portada<\/a><\/aside>\n\t\t\t\t<h3 itemprop=\"headline\"><a href=\"https:\/\/www.psib-psoe.org\/mallorca\/el-grup-socialista-planteja-la-reprovacio-de-marcial-rodriguez-en-relacio-a-la-denuncia-per-amenaces-coaccions-i-un-presumpte-intent-dagressio-fisica-a-un-funcionari-i-per-mentir-davant-en-e\/\" title=\"El Grup Socialista planteja la reprovaci\u00f3 de Marcial Rodr\u00edguez en relaci\u00f3 a la den\u00fancia per amenaces, coaccions i un presumpte intent d\u2019agressi\u00f3 f\u00edsica a un funcionari i per mentir davant en el ple del Consell.\">El Grup Socialista planteja la reprovaci\u00f3 de Marcial Rodr\u00edguez en relaci\u00f3 a la den\u00fancia per amenaces, coaccions i un presumpte intent d\u2019agressi\u00f3 f\u00edsica a un funcionari i per mentir davant en el ple del Consell.<\/a><\/h3>\n\t\t\t<\/header>\n\t\t<\/div>\n\t\t<div class=\"post-content\">\n\t\t\t<a href=\"https:\/\/www.psib-psoe.org\/mallorca\/el-grup-socialista-planteja-la-reprovacio-de-marcial-rodriguez-en-relacio-a-la-denuncia-per-amenaces-coaccions-i-un-presumpte-intent-dagressio-fisica-a-un-funcionari-i-per-mentir-davant-en-e\/\" class=\"more-link\">Read More<\/a>\n\t\t<\/div>\n\t\t\t<aside class=\"post-bottom-meta hide\">\n\t\t<strong rel=\"author\" itemprop=\"author\" class=\"author vcard\"><span class=\"fn\">Albert<\/span><\/strong>\n\t\t<time class=\"date published time\" datetime=\"2025-01-29T12:57:21+02:00\" itemprop=\"datePublished\" content=\"2025-01-29T12:57:21+02:00\">29\/01\/2025<\/time>\n\t\t<meta itemprop=\"dateModified\" class=\"date updated\" content=\"2025-01-29T12:57:23+02:00\">\n\t\t<span class=\"hide\" itemprop=\"publisher\" itemscope itemtype=\"https:\/\/schema.org\/Organization\">\n\t\t\t<meta itemprop=\"name\" content=\"SocialistesdMca\">\n\t\t\t<span itemprop=\"logo\" itemscope itemtype=\"https:\/\/schema.org\/ImageObject\">\n\t\t\t\t<meta itemprop=\"url\" content=\"https:\/\/www.psib-psoe.org\/mallorca\/wp-content\/themes\/notio-wp\/assets\/img\/logo.png\">\n\t\t\t<\/span>\n\t\t\t<meta itemprop=\"url\" content=\"https:\/\/www.psib-psoe.org\/mallorca\/\">\n\t\t<\/span>\n\t\t\t\t<span class=\"hide\" itemprop=\"image\" itemscope itemtype=\"http:\/\/schema.org\/ImageObject\">\n\t\t\t<meta itemprop=\"url\" content=\"https:\/\/www.psib-psoe.org\/mallorca\/wp-content\/uploads\/ple-090125-1-scaled.jpeg\">\n\t\t\t<meta itemprop=\"width\" content=\"2560\">\n\t\t\t<meta itemprop=\"height\" content=\"1920\">\n\t\t<\/span>\n\t\t\t\t<meta itemscope itemprop=\"mainEntityOfPage\" itemtype=\"https:\/\/schema.org\/WebPage\" itemid=\"https:\/\/www.psib-psoe.org\/mallorca\/el-grup-socialista-planteja-la-reprovacio-de-marcial-rodriguez-en-relacio-a-la-denuncia-per-amenaces-coaccions-i-un-presumpte-intent-dagressio-fisica-a-un-funcionari-i-per-mentir-davant-en-e\/\">\n\t<\/aside>\n\t\t<\/article>\n<\/div>\n<div class=\"small-12 large-4 columns\">\n\t<article itemscope itemtype=\"http:\/\/schema.org\/Article\" class=\"post blog-style7 alt post-29395 type-post status-publish format-standard has-post-thumbnail hentry category-federacio-de-mallorca category-federacio-de-mallorca-portada category-municipis category-portada tag-andreu-serra tag-bea-gamundi tag-biel-alomar tag-catalina-cladera tag-federacio-socialista-de-mallorca tag-javier-de-juan tag-joan-ferrer tag-juana-m-adrover tag-maria-antonia-truyols tag-sofia-alonso\" role=\"article\">\n\t\t<figure class=\"post-gallery\"><img loading=\"lazy\" decoding=\"async\" width=\"600\" height=\"400\" src=\"https:\/\/www.psib-psoe.org\/mallorca\/wp-content\/uploads\/Ple-Marcial-Galmes-160125-600x400.jpeg\" class=\"attachment-notio-general-x2 size-notio-general-x2 wp-post-image\" alt=\"\" srcset=\"https:\/\/www.psib-psoe.org\/mallorca\/wp-content\/uploads\/Ple-Marcial-Galmes-160125-600x400.jpeg 600w, https:\/\/www.psib-psoe.org\/mallorca\/wp-content\/uploads\/Ple-Marcial-Galmes-160125-300x200.jpeg 300w, https:\/\/www.psib-psoe.org\/mallorca\/wp-content\/uploads\/Ple-Marcial-Galmes-160125-900x600.jpeg 900w, https:\/\/www.psib-psoe.org\/mallorca\/wp-content\/uploads\/Ple-Marcial-Galmes-160125-20x13.jpeg 20w\" sizes=\"(max-width: 600px) 100vw, 600px\" \/><\/figure>\n\t\t<div class=\"blog-top\">\n\t\t\t<header class=\"post-title entry-header\">\n\t\t\t\t<aside class=\"post-meta cf\">\n\t\t25\/01\/2025 \/ <a href=\"https:\/\/www.psib-psoe.org\/mallorca\/category\/federacio-de-mallorca\/\" rel=\"category tag\">Federaci\u00f3 de Mallorca<\/a>, <a href=\"https:\/\/www.psib-psoe.org\/mallorca\/category\/federacio-de-mallorca-portada\/\" rel=\"category tag\">Federaci\u00f3 de Mallorca - Portada<\/a>, <a href=\"https:\/\/www.psib-psoe.org\/mallorca\/category\/municipis\/\" rel=\"category tag\">Municipis<\/a>, <a href=\"https:\/\/www.psib-psoe.org\/mallorca\/category\/portada\/\" rel=\"category tag\">Portada<\/a><\/aside>\n\t\t\t\t<h3 itemprop=\"headline\"><a href=\"https:\/\/www.psib-psoe.org\/mallorca\/els-socialistes-exigeixen-galmes-el-cessament-immediat-de-marcial-rodriguez-per-haver-mentit-davant-del-ple-en-el-cas-que-el-vincula-amb-amenaces-i-coaccions-a-funcionaris\/\" title=\"Els Socialistes exigeixen Galm\u00e9s el cessament immediat de Marcial Rodr\u00edguez per haver mentit davant del ple en el cas que el vincula amb amenaces i coaccions a funcionaris.\">Els Socialistes exigeixen Galm\u00e9s el cessament immediat de Marcial Rodr\u00edguez per haver mentit davant del ple en el cas que el vincula amb amenaces i coaccions a funcionaris.<\/a><\/h3>\n\t\t\t<\/header>\n\t\t<\/div>\n\t\t<div class=\"post-content\">\n\t\t\t<a href=\"https:\/\/www.psib-psoe.org\/mallorca\/els-socialistes-exigeixen-galmes-el-cessament-immediat-de-marcial-rodriguez-per-haver-mentit-davant-del-ple-en-el-cas-que-el-vincula-amb-amenaces-i-coaccions-a-funcionaris\/\" class=\"more-link\">Read More<\/a>\n\t\t<\/div>\n\t\t\t<aside class=\"post-bottom-meta hide\">\n\t\t<strong rel=\"author\" itemprop=\"author\" class=\"author vcard\"><span class=\"fn\">Albert<\/span><\/strong>\n\t\t<time class=\"date published time\" datetime=\"2025-01-25T12:38:34+02:00\" itemprop=\"datePublished\" content=\"2025-01-25T12:38:34+02:00\">25\/01\/2025<\/time>\n\t\t<meta itemprop=\"dateModified\" class=\"date updated\" content=\"2025-01-25T12:38:35+02:00\">\n\t\t<span class=\"hide\" itemprop=\"publisher\" itemscope itemtype=\"https:\/\/schema.org\/Organization\">\n\t\t\t<meta itemprop=\"name\" content=\"SocialistesdMca\">\n\t\t\t<span itemprop=\"logo\" itemscope itemtype=\"https:\/\/schema.org\/ImageObject\">\n\t\t\t\t<meta itemprop=\"url\" content=\"https:\/\/www.psib-psoe.org\/mallorca\/wp-content\/themes\/notio-wp\/assets\/img\/logo.png\">\n\t\t\t<\/span>\n\t\t\t<meta itemprop=\"url\" content=\"https:\/\/www.psib-psoe.org\/mallorca\/\">\n\t\t<\/span>\n\t\t\t\t<span class=\"hide\" itemprop=\"image\" itemscope itemtype=\"http:\/\/schema.org\/ImageObject\">\n\t\t\t<meta itemprop=\"url\" content=\"https:\/\/www.psib-psoe.org\/mallorca\/wp-content\/uploads\/Ple-Marcial-Galmes-160125-scaled.jpeg\">\n\t\t\t<meta itemprop=\"width\" content=\"2560\">\n\t\t\t<meta itemprop=\"height\" content=\"1920\">\n\t\t<\/span>\n\t\t\t\t<meta itemscope itemprop=\"mainEntityOfPage\" itemtype=\"https:\/\/schema.org\/WebPage\" itemid=\"https:\/\/www.psib-psoe.org\/mallorca\/els-socialistes-exigeixen-galmes-el-cessament-immediat-de-marcial-rodriguez-per-haver-mentit-davant-del-ple-en-el-cas-que-el-vincula-amb-amenaces-i-coaccions-a-funcionaris\/\">\n\t<\/aside>\n\t\t<\/article>\n<\/div>\n<div class=\"small-12 large-4 columns\">\n\t<article itemscope itemtype=\"http:\/\/schema.org\/Article\" class=\"post blog-style7 alt post-29392 type-post status-publish format-standard has-post-thumbnail hentry category-federacio-de-mallorca tag-federacio-socialista-de-mallorca\" role=\"article\">\n\t\t<figure class=\"post-gallery\"><img loading=\"lazy\" decoding=\"async\" width=\"600\" height=\"400\" src=\"https:\/\/www.psib-psoe.org\/mallorca\/wp-content\/uploads\/WhatsApp-Image-2025-01-24-at-11.33.34-1000x750-1-600x400.jpeg\" class=\"attachment-notio-general-x2 size-notio-general-x2 wp-post-image\" alt=\"\" srcset=\"https:\/\/www.psib-psoe.org\/mallorca\/wp-content\/uploads\/WhatsApp-Image-2025-01-24-at-11.33.34-1000x750-1-600x400.jpeg 600w, https:\/\/www.psib-psoe.org\/mallorca\/wp-content\/uploads\/WhatsApp-Image-2025-01-24-at-11.33.34-1000x750-1-300x200.jpeg 300w, https:\/\/www.psib-psoe.org\/mallorca\/wp-content\/uploads\/WhatsApp-Image-2025-01-24-at-11.33.34-1000x750-1-900x600.jpeg 900w, https:\/\/www.psib-psoe.org\/mallorca\/wp-content\/uploads\/WhatsApp-Image-2025-01-24-at-11.33.34-1000x750-1-20x13.jpeg 20w\" sizes=\"(max-width: 600px) 100vw, 600px\" \/><\/figure>\n\t\t<div class=\"blog-top\">\n\t\t\t<header class=\"post-title entry-header\">\n\t\t\t\t<aside class=\"post-meta cf\">\n\t\t24\/01\/2025 \/ <a href=\"https:\/\/www.psib-psoe.org\/mallorca\/category\/federacio-de-mallorca\/\" rel=\"category tag\">Federaci\u00f3 de Mallorca<\/a><\/aside>\n\t\t\t\t<h3 itemprop=\"headline\"><a href=\"https:\/\/www.psib-psoe.org\/mallorca\/el-psib-psoe-considera-que-el-decret-llei-de-macrogranges-del-govern-te-massa-mancances-i-demana-que-es-pugui-tramitar-com-a-projecte-de-llei\/\" title=\"El PSIB-PSOE considera que el decret llei de macrogranges del Govern t\u00e9 \u201cmassa mancances\u201d i demana que es pugui tramitar com a projecte de llei\">El PSIB-PSOE considera que el decret llei de macrogranges del Govern t\u00e9 \u201cmassa mancances\u201d i demana que es pugui tramitar com a projecte de llei<\/a><\/h3>\n\t\t\t<\/header>\n\t\t<\/div>\n\t\t<div class=\"post-content\">\n\t\t\t<a href=\"https:\/\/www.psib-psoe.org\/mallorca\/el-psib-psoe-considera-que-el-decret-llei-de-macrogranges-del-govern-te-massa-mancances-i-demana-que-es-pugui-tramitar-com-a-projecte-de-llei\/\" class=\"more-link\">Read More<\/a>\n\t\t<\/div>\n\t\t\t<aside class=\"post-bottom-meta hide\">\n\t\t<strong rel=\"author\" itemprop=\"author\" class=\"author vcard\"><span class=\"fn\">adminpsib<\/span><\/strong>\n\t\t<time class=\"date published time\" datetime=\"2025-01-24T13:12:04+02:00\" itemprop=\"datePublished\" content=\"2025-01-24T13:12:04+02:00\">24\/01\/2025<\/time>\n\t\t<meta itemprop=\"dateModified\" class=\"date updated\" content=\"2025-01-24T13:12:04+02:00\">\n\t\t<span class=\"hide\" itemprop=\"publisher\" itemscope itemtype=\"https:\/\/schema.org\/Organization\">\n\t\t\t<meta itemprop=\"name\" content=\"SocialistesdMca\">\n\t\t\t<span itemprop=\"logo\" itemscope itemtype=\"https:\/\/schema.org\/ImageObject\">\n\t\t\t\t<meta itemprop=\"url\" content=\"https:\/\/www.psib-psoe.org\/mallorca\/wp-content\/themes\/notio-wp\/assets\/img\/logo.png\">\n\t\t\t<\/span>\n\t\t\t<meta itemprop=\"url\" content=\"https:\/\/www.psib-psoe.org\/mallorca\/\">\n\t\t<\/span>\n\t\t\t\t<span class=\"hide\" itemprop=\"image\" itemscope itemtype=\"http:\/\/schema.org\/ImageObject\">\n\t\t\t<meta itemprop=\"url\" content=\"https:\/\/www.psib-psoe.org\/mallorca\/wp-content\/uploads\/WhatsApp-Image-2025-01-24-at-11.33.34-1000x750-1.jpeg\">\n\t\t\t<meta itemprop=\"width\" content=\"1000\">\n\t\t\t<meta itemprop=\"height\" content=\"750\">\n\t\t<\/span>\n\t\t\t\t<meta itemscope itemprop=\"mainEntityOfPage\" itemtype=\"https:\/\/schema.org\/WebPage\" itemid=\"https:\/\/www.psib-psoe.org\/mallorca\/el-psib-psoe-considera-que-el-decret-llei-de-macrogranges-del-govern-te-massa-mancances-i-demana-que-es-pugui-tramitar-com-a-projecte-de-llei\/\">\n\t<\/aside>\n\t\t<\/article>\n<\/div>\n<div class=\"small-12 large-4 columns\">\n\t<article itemscope itemtype=\"http:\/\/schema.org\/Article\" class=\"post blog-style7 alt post-29387 type-post status-publish format-standard has-post-thumbnail hentry category-federacio-de-mallorca category-municipis category-portada tag-agrupacio-socialista-de-llucmajor tag-federacio-socialista-de-mallorca tag-jaume-j-oliver tag-llucmajor tag-psib-psoe\" role=\"article\">\n\t\t<figure class=\"post-gallery\"><img loading=\"lazy\" decoding=\"async\" width=\"600\" height=\"400\" src=\"https:\/\/www.psib-psoe.org\/mallorca\/wp-content\/uploads\/240125-Socialistes-Llucmajor-1-600x400.jpeg\" class=\"attachment-notio-general-x2 size-notio-general-x2 wp-post-image\" alt=\"\" srcset=\"https:\/\/www.psib-psoe.org\/mallorca\/wp-content\/uploads\/240125-Socialistes-Llucmajor-1-600x400.jpeg 600w, https:\/\/www.psib-psoe.org\/mallorca\/wp-content\/uploads\/240125-Socialistes-Llucmajor-1-300x200.jpeg 300w, https:\/\/www.psib-psoe.org\/mallorca\/wp-content\/uploads\/240125-Socialistes-Llucmajor-1-900x600.jpeg 900w, https:\/\/www.psib-psoe.org\/mallorca\/wp-content\/uploads\/240125-Socialistes-Llucmajor-1-20x13.jpeg 20w\" sizes=\"(max-width: 600px) 100vw, 600px\" \/><\/figure>\n\t\t<div class=\"blog-top\">\n\t\t\t<header class=\"post-title entry-header\">\n\t\t\t\t<aside class=\"post-meta cf\">\n\t\t24\/01\/2025 \/ <a href=\"https:\/\/www.psib-psoe.org\/mallorca\/category\/federacio-de-mallorca\/\" rel=\"category tag\">Federaci\u00f3 de Mallorca<\/a>, <a href=\"https:\/\/www.psib-psoe.org\/mallorca\/category\/municipis\/\" rel=\"category tag\">Municipis<\/a>, <a href=\"https:\/\/www.psib-psoe.org\/mallorca\/category\/portada\/\" rel=\"category tag\">Portada<\/a><\/aside>\n\t\t\t\t<h3 itemprop=\"headline\"><a href=\"https:\/\/www.psib-psoe.org\/mallorca\/lequip-de-govern-de-llucmajor-es-desmorona-a-lascolas-li-marxen-la-meitat-dels-seus-regidors-en-manco-de-dos-anys-de-legislatura\/\" title=\"L\u2019equip de govern de Llucmajor es desmorona: a Lascolas li marxen la meitat dels seus regidors en manco de dos anys de legislatura\">L\u2019equip de govern de Llucmajor es desmorona: a Lascolas li marxen la meitat dels seus regidors en manco de dos anys de legislatura<\/a><\/h3>\n\t\t\t<\/header>\n\t\t<\/div>\n\t\t<div class=\"post-content\">\n\t\t\t<a href=\"https:\/\/www.psib-psoe.org\/mallorca\/lequip-de-govern-de-llucmajor-es-desmorona-a-lascolas-li-marxen-la-meitat-dels-seus-regidors-en-manco-de-dos-anys-de-legislatura\/\" class=\"more-link\">Read More<\/a>\n\t\t<\/div>\n\t\t\t<aside class=\"post-bottom-meta hide\">\n\t\t<strong rel=\"author\" itemprop=\"author\" class=\"author vcard\"><span class=\"fn\">Socialistes de Mallorca<\/span><\/strong>\n\t\t<time class=\"date published time\" datetime=\"2025-01-24T11:36:40+02:00\" itemprop=\"datePublished\" content=\"2025-01-24T11:36:40+02:00\">24\/01\/2025<\/time>\n\t\t<meta itemprop=\"dateModified\" class=\"date updated\" content=\"2025-01-24T11:36:41+02:00\">\n\t\t<span class=\"hide\" itemprop=\"publisher\" itemscope itemtype=\"https:\/\/schema.org\/Organization\">\n\t\t\t<meta itemprop=\"name\" content=\"SocialistesdMca\">\n\t\t\t<span itemprop=\"logo\" itemscope itemtype=\"https:\/\/schema.org\/ImageObject\">\n\t\t\t\t<meta itemprop=\"url\" content=\"https:\/\/www.psib-psoe.org\/mallorca\/wp-content\/themes\/notio-wp\/assets\/img\/logo.png\">\n\t\t\t<\/span>\n\t\t\t<meta itemprop=\"url\" content=\"https:\/\/www.psib-psoe.org\/mallorca\/\">\n\t\t<\/span>\n\t\t\t\t<span class=\"hide\" itemprop=\"image\" itemscope itemtype=\"http:\/\/schema.org\/ImageObject\">\n\t\t\t<meta itemprop=\"url\" content=\"https:\/\/www.psib-psoe.org\/mallorca\/wp-content\/uploads\/240125-Socialistes-Llucmajor-1.jpeg\">\n\t\t\t<meta itemprop=\"width\" content=\"1200\">\n\t\t\t<meta itemprop=\"height\" content=\"1600\">\n\t\t<\/span>\n\t\t\t\t<meta itemscope itemprop=\"mainEntityOfPage\" itemtype=\"https:\/\/schema.org\/WebPage\" itemid=\"https:\/\/www.psib-psoe.org\/mallorca\/lequip-de-govern-de-llucmajor-es-desmorona-a-lascolas-li-marxen-la-meitat-dels-seus-regidors-en-manco-de-dos-anys-de-legislatura\/\">\n\t<\/aside>\n\t\t<\/article>\n<\/div>\n<div class=\"small-12 large-4 columns\">\n\t<article itemscope itemtype=\"http:\/\/schema.org\/Article\" class=\"post blog-style7 alt post-29384 type-post status-publish format-standard has-post-thumbnail hentry category-federacio-de-mallorca tag-federacio-socialista-de-mallorca\" role=\"article\">\n\t\t<figure class=\"post-gallery\"><img loading=\"lazy\" decoding=\"async\" width=\"600\" height=\"400\" src=\"https:\/\/www.psib-psoe.org\/mallorca\/wp-content\/uploads\/foto-1-iago-declas-1-759x750-1-600x400.jpeg\" class=\"attachment-notio-general-x2 size-notio-general-x2 wp-post-image\" alt=\"\" srcset=\"https:\/\/www.psib-psoe.org\/mallorca\/wp-content\/uploads\/foto-1-iago-declas-1-759x750-1-600x400.jpeg 600w, https:\/\/www.psib-psoe.org\/mallorca\/wp-content\/uploads\/foto-1-iago-declas-1-759x750-1-300x200.jpeg 300w, https:\/\/www.psib-psoe.org\/mallorca\/wp-content\/uploads\/foto-1-iago-declas-1-759x750-1-20x13.jpeg 20w\" sizes=\"(max-width: 600px) 100vw, 600px\" \/><\/figure>\n\t\t<div class=\"blog-top\">\n\t\t\t<header class=\"post-title entry-header\">\n\t\t\t\t<aside class=\"post-meta cf\">\n\t\t23\/01\/2025 \/ <a href=\"https:\/\/www.psib-psoe.org\/mallorca\/category\/federacio-de-mallorca\/\" rel=\"category tag\">Federaci\u00f3 de Mallorca<\/a><\/aside>\n\t\t\t\t<h3 itemprop=\"headline\"><a href=\"https:\/\/www.psib-psoe.org\/mallorca\/el-psib-psoe-acusa-el-pp-de-prohens-de-fer-seguidisme-dels-interessos-de-feijoo-en-detriment-de-la-ciutadania-de-les-balears\/\" title=\"El PSIB-PSOE acusa el PP de Prohens de fer seguidisme dels interessos de Feij\u00f3o en detriment de la ciutadania de les Balears\">El PSIB-PSOE acusa el PP de Prohens de fer seguidisme dels interessos de Feij\u00f3o en detriment de la ciutadania de les Balears<\/a><\/h3>\n\t\t\t<\/header>\n\t\t<\/div>\n\t\t<div class=\"post-content\">\n\t\t\t<a href=\"https:\/\/www.psib-psoe.org\/mallorca\/el-psib-psoe-acusa-el-pp-de-prohens-de-fer-seguidisme-dels-interessos-de-feijoo-en-detriment-de-la-ciutadania-de-les-balears\/\" class=\"more-link\">Read More<\/a>\n\t\t<\/div>\n\t\t\t<aside class=\"post-bottom-meta hide\">\n\t\t<strong rel=\"author\" itemprop=\"author\" class=\"author vcard\"><span class=\"fn\">adminpsib<\/span><\/strong>\n\t\t<time class=\"date published time\" datetime=\"2025-01-23T14:25:03+02:00\" itemprop=\"datePublished\" content=\"2025-01-23T14:25:03+02:00\">23\/01\/2025<\/time>\n\t\t<meta itemprop=\"dateModified\" class=\"date updated\" content=\"2025-01-23T14:25:03+02:00\">\n\t\t<span class=\"hide\" itemprop=\"publisher\" itemscope itemtype=\"https:\/\/schema.org\/Organization\">\n\t\t\t<meta itemprop=\"name\" content=\"SocialistesdMca\">\n\t\t\t<span itemprop=\"logo\" itemscope itemtype=\"https:\/\/schema.org\/ImageObject\">\n\t\t\t\t<meta itemprop=\"url\" content=\"https:\/\/www.psib-psoe.org\/mallorca\/wp-content\/themes\/notio-wp\/assets\/img\/logo.png\">\n\t\t\t<\/span>\n\t\t\t<meta itemprop=\"url\" content=\"https:\/\/www.psib-psoe.org\/mallorca\/\">\n\t\t<\/span>\n\t\t\t\t<span class=\"hide\" itemprop=\"image\" itemscope itemtype=\"http:\/\/schema.org\/ImageObject\">\n\t\t\t<meta itemprop=\"url\" content=\"https:\/\/www.psib-psoe.org\/mallorca\/wp-content\/uploads\/foto-1-iago-declas-1-759x750-1.jpeg\">\n\t\t\t<meta itemprop=\"width\" content=\"759\">\n\t\t\t<meta itemprop=\"height\" content=\"750\">\n\t\t<\/span>\n\t\t\t\t<meta itemscope itemprop=\"mainEntityOfPage\" itemtype=\"https:\/\/schema.org\/WebPage\" itemid=\"https:\/\/www.psib-psoe.org\/mallorca\/el-psib-psoe-acusa-el-pp-de-prohens-de-fer-seguidisme-dels-interessos-de-feijoo-en-detriment-de-la-ciutadania-de-les-balears\/\">\n\t<\/aside>\n\t\t<\/article>\n<\/div>\n<div class=\"small-12 large-4 columns\">\n\t<article itemscope itemtype=\"http:\/\/schema.org\/Article\" class=\"post blog-style7 alt post-29382 type-post status-publish format-standard has-post-thumbnail hentry category-federacio-de-mallorca category-federacio-de-mallorca-portada category-municipis category-portada tag-andreu-serra tag-bea-gamundi tag-biel-alomar tag-catalina-cladera tag-federacio-socialista-de-mallorca tag-javier-de-juan tag-joan-ferrer tag-juana-m-adrover tag-maria-antonia-truyols tag-sofia-alonso\" role=\"article\">\n\t\t<figure class=\"post-gallery\"><img loading=\"lazy\" decoding=\"async\" width=\"600\" height=\"400\" src=\"https:\/\/www.psib-psoe.org\/mallorca\/wp-content\/uploads\/ple-090125-600x400.jpeg\" class=\"attachment-notio-general-x2 size-notio-general-x2 wp-post-image\" alt=\"\" srcset=\"https:\/\/www.psib-psoe.org\/mallorca\/wp-content\/uploads\/ple-090125-600x400.jpeg 600w, https:\/\/www.psib-psoe.org\/mallorca\/wp-content\/uploads\/ple-090125-300x200.jpeg 300w, https:\/\/www.psib-psoe.org\/mallorca\/wp-content\/uploads\/ple-090125-900x600.jpeg 900w, https:\/\/www.psib-psoe.org\/mallorca\/wp-content\/uploads\/ple-090125-20x13.jpeg 20w\" sizes=\"(max-width: 600px) 100vw, 600px\" \/><\/figure>\n\t\t<div class=\"blog-top\">\n\t\t\t<header class=\"post-title entry-header\">\n\t\t\t\t<aside class=\"post-meta cf\">\n\t\t22\/01\/2025 \/ <a href=\"https:\/\/www.psib-psoe.org\/mallorca\/category\/federacio-de-mallorca\/\" rel=\"category tag\">Federaci\u00f3 de Mallorca<\/a>, <a href=\"https:\/\/www.psib-psoe.org\/mallorca\/category\/federacio-de-mallorca-portada\/\" rel=\"category tag\">Federaci\u00f3 de Mallorca - Portada<\/a>, <a href=\"https:\/\/www.psib-psoe.org\/mallorca\/category\/municipis\/\" rel=\"category tag\">Municipis<\/a>, <a href=\"https:\/\/www.psib-psoe.org\/mallorca\/category\/portada\/\" rel=\"category tag\">Portada<\/a><\/aside>\n\t\t\t\t<h3 itemprop=\"headline\"><a href=\"https:\/\/www.psib-psoe.org\/mallorca\/el-grup-socialista-reclama-la-intervencio-del-servei-de-prevencio-de-riscos-laborals-del-consell-de-mallorca-per-protegir-els-funcionaris-que-han-denunciat-el-conseller-de-turisme\/\" title=\"El Grup Socialista reclama la intervenci\u00f3 del Servei de Prevenci\u00f3 de Riscos Laborals del Consell de Mallorca per protegir els funcionaris que han denunciat el conseller de Turisme.\">El Grup Socialista reclama la intervenci\u00f3 del Servei de Prevenci\u00f3 de Riscos Laborals del Consell de Mallorca per protegir els funcionaris que han denunciat el conseller de Turisme.<\/a><\/h3>\n\t\t\t<\/header>\n\t\t<\/div>\n\t\t<div class=\"post-content\">\n\t\t\t<a href=\"https:\/\/www.psib-psoe.org\/mallorca\/el-grup-socialista-reclama-la-intervencio-del-servei-de-prevencio-de-riscos-laborals-del-consell-de-mallorca-per-protegir-els-funcionaris-que-han-denunciat-el-conseller-de-turisme\/\" class=\"more-link\">Read More<\/a>\n\t\t<\/div>\n\t\t\t<aside class=\"post-bottom-meta hide\">\n\t\t<strong rel=\"author\" itemprop=\"author\" class=\"author vcard\"><span class=\"fn\">Albert<\/span><\/strong>\n\t\t<time class=\"date published time\" datetime=\"2025-01-22T11:19:09+02:00\" itemprop=\"datePublished\" content=\"2025-01-22T11:19:09+02:00\">22\/01\/2025<\/time>\n\t\t<meta itemprop=\"dateModified\" class=\"date updated\" content=\"2025-01-22T11:19:12+02:00\">\n\t\t<span class=\"hide\" itemprop=\"publisher\" itemscope itemtype=\"https:\/\/schema.org\/Organization\">\n\t\t\t<meta itemprop=\"name\" content=\"SocialistesdMca\">\n\t\t\t<span itemprop=\"logo\" itemscope itemtype=\"https:\/\/schema.org\/ImageObject\">\n\t\t\t\t<meta itemprop=\"url\" content=\"https:\/\/www.psib-psoe.org\/mallorca\/wp-content\/themes\/notio-wp\/assets\/img\/logo.png\">\n\t\t\t<\/span>\n\t\t\t<meta itemprop=\"url\" content=\"https:\/\/www.psib-psoe.org\/mallorca\/\">\n\t\t<\/span>\n\t\t\t\t<span class=\"hide\" itemprop=\"image\" itemscope itemtype=\"http:\/\/schema.org\/ImageObject\">\n\t\t\t<meta itemprop=\"url\" content=\"https:\/\/www.psib-psoe.org\/mallorca\/wp-content\/uploads\/ple-090125-scaled.jpeg\">\n\t\t\t<meta itemprop=\"width\" content=\"2560\">\n\t\t\t<meta itemprop=\"height\" content=\"1920\">\n\t\t<\/span>\n\t\t\t\t<meta itemscope itemprop=\"mainEntityOfPage\" itemtype=\"https:\/\/schema.org\/WebPage\" itemid=\"https:\/\/www.psib-psoe.org\/mallorca\/el-grup-socialista-reclama-la-intervencio-del-servei-de-prevencio-de-riscos-laborals-del-consell-de-mallorca-per-protegir-els-funcionaris-que-han-denunciat-el-conseller-de-turisme\/\">\n\t<\/aside>\n\t\t<\/article>\n<\/div>\n<div class=\"small-12 large-4 columns\">\n\t<article itemscope itemtype=\"http:\/\/schema.org\/Article\" class=\"post blog-style7 alt post-29379 type-post status-publish format-standard has-post-thumbnail hentry category-federacio-de-mallorca category-federacio-de-mallorca-portada category-municipis category-portada tag-andreu-serra tag-bea-gamundi tag-biel-alomar tag-catalina-cladera tag-federacio-socialista-de-mallorca tag-javier-de-juan tag-joan-ferrer tag-juana-m-adrover tag-maria-antonia-truyols tag-sofia-alonso\" role=\"article\">\n\t\t<figure class=\"post-gallery\"><img loading=\"lazy\" decoding=\"async\" width=\"600\" height=\"400\" src=\"https:\/\/www.psib-psoe.org\/mallorca\/wp-content\/uploads\/Ple-Marcial-Galmes-160125-600x400.jpeg\" class=\"attachment-notio-general-x2 size-notio-general-x2 wp-post-image\" alt=\"\" srcset=\"https:\/\/www.psib-psoe.org\/mallorca\/wp-content\/uploads\/Ple-Marcial-Galmes-160125-600x400.jpeg 600w, https:\/\/www.psib-psoe.org\/mallorca\/wp-content\/uploads\/Ple-Marcial-Galmes-160125-300x200.jpeg 300w, https:\/\/www.psib-psoe.org\/mallorca\/wp-content\/uploads\/Ple-Marcial-Galmes-160125-900x600.jpeg 900w, https:\/\/www.psib-psoe.org\/mallorca\/wp-content\/uploads\/Ple-Marcial-Galmes-160125-20x13.jpeg 20w\" sizes=\"(max-width: 600px) 100vw, 600px\" \/><\/figure>\n\t\t<div class=\"blog-top\">\n\t\t\t<header class=\"post-title entry-header\">\n\t\t\t\t<aside class=\"post-meta cf\">\n\t\t20\/01\/2025 \/ <a href=\"https:\/\/www.psib-psoe.org\/mallorca\/category\/federacio-de-mallorca\/\" rel=\"category tag\">Federaci\u00f3 de Mallorca<\/a>, <a href=\"https:\/\/www.psib-psoe.org\/mallorca\/category\/federacio-de-mallorca-portada\/\" rel=\"category tag\">Federaci\u00f3 de Mallorca - Portada<\/a>, <a href=\"https:\/\/www.psib-psoe.org\/mallorca\/category\/municipis\/\" rel=\"category tag\">Municipis<\/a>, <a href=\"https:\/\/www.psib-psoe.org\/mallorca\/category\/portada\/\" rel=\"category tag\">Portada<\/a><\/aside>\n\t\t\t\t<h3 itemprop=\"headline\"><a href=\"https:\/\/www.psib-psoe.org\/mallorca\/el-grup-socialista-exigeix-que-galmes-i-rubio-expliquin-les-obres-fantasma-sexecuten-fa-dos-mesos-a-la-via-de-cintura-i-a-lautopista-de-llucmajor\/\" title=\"El Grup Socialista exigeix que Galmes i Rubio expliquin les \u201cobres-fantasma\u201d s\u2019executen fa dos mesos a la Via de Cintura i a l\u2019Autopista de Llucmajor.\">El Grup Socialista exigeix que Galmes i Rubio expliquin les \u201cobres-fantasma\u201d s\u2019executen fa dos mesos a la Via de Cintura i a l\u2019Autopista de Llucmajor.<\/a><\/h3>\n\t\t\t<\/header>\n\t\t<\/div>\n\t\t<div class=\"post-content\">\n\t\t\t<a href=\"https:\/\/www.psib-psoe.org\/mallorca\/el-grup-socialista-exigeix-que-galmes-i-rubio-expliquin-les-obres-fantasma-sexecuten-fa-dos-mesos-a-la-via-de-cintura-i-a-lautopista-de-llucmajor\/\" class=\"more-link\">Read More<\/a>\n\t\t<\/div>\n\t\t\t<aside class=\"post-bottom-meta hide\">\n\t\t<strong rel=\"author\" itemprop=\"author\" class=\"author vcard\"><span class=\"fn\">Albert<\/span><\/strong>\n\t\t<time class=\"date published time\" datetime=\"2025-01-20T13:03:35+02:00\" itemprop=\"datePublished\" content=\"2025-01-20T13:03:35+02:00\">20\/01\/2025<\/time>\n\t\t<meta itemprop=\"dateModified\" class=\"date updated\" content=\"2025-01-20T13:03:36+02:00\">\n\t\t<span class=\"hide\" itemprop=\"publisher\" itemscope itemtype=\"https:\/\/schema.org\/Organization\">\n\t\t\t<meta itemprop=\"name\" content=\"SocialistesdMca\">\n\t\t\t<span itemprop=\"logo\" itemscope itemtype=\"https:\/\/schema.org\/ImageObject\">\n\t\t\t\t<meta itemprop=\"url\" content=\"https:\/\/www.psib-psoe.org\/mallorca\/wp-content\/themes\/notio-wp\/assets\/img\/logo.png\">\n\t\t\t<\/span>\n\t\t\t<meta itemprop=\"url\" content=\"https:\/\/www.psib-psoe.org\/mallorca\/\">\n\t\t<\/span>\n\t\t\t\t<span class=\"hide\" itemprop=\"image\" itemscope itemtype=\"http:\/\/schema.org\/ImageObject\">\n\t\t\t<meta itemprop=\"url\" content=\"https:\/\/www.psib-psoe.org\/mallorca\/wp-content\/uploads\/Ple-Marcial-Galmes-160125-scaled.jpeg\">\n\t\t\t<meta itemprop=\"width\" content=\"2560\">\n\t\t\t<meta itemprop=\"height\" content=\"1920\">\n\t\t<\/span>\n\t\t\t\t<meta itemscope itemprop=\"mainEntityOfPage\" itemtype=\"https:\/\/schema.org\/WebPage\" itemid=\"https:\/\/www.psib-psoe.org\/mallorca\/el-grup-socialista-exigeix-que-galmes-i-rubio-expliquin-les-obres-fantasma-sexecuten-fa-dos-mesos-a-la-via-de-cintura-i-a-lautopista-de-llucmajor\/\">\n\t<\/aside>\n\t\t<\/article>\n<\/div>\n<div class=\"small-12 large-4 columns\">\n\t<article itemscope itemtype=\"http:\/\/schema.org\/Article\" class=\"post blog-style7 alt post-29377 type-post status-publish format-standard has-post-thumbnail hentry category-federacio-de-mallorca category-federacio-de-mallorca-portada category-municipis category-portada tag-agrupacio-socialista-de-capdepera tag-agrupacio-socialista-de-sa-pobla tag-catalina-cladera tag-federacio-socialista-de-mallorca\" role=\"article\">\n\t\t<figure class=\"post-gallery\"><img loading=\"lazy\" decoding=\"async\" width=\"600\" height=\"400\" src=\"https:\/\/www.psib-psoe.org\/mallorca\/wp-content\/uploads\/Disseny-sense-ti\u0301tol-19-600x400.jpg\" class=\"attachment-notio-general-x2 size-notio-general-x2 wp-post-image\" alt=\"\" srcset=\"https:\/\/www.psib-psoe.org\/mallorca\/wp-content\/uploads\/Disseny-sense-ti\u0301tol-19-600x400.jpg 600w, https:\/\/www.psib-psoe.org\/mallorca\/wp-content\/uploads\/Disseny-sense-ti\u0301tol-19-300x200.jpg 300w, https:\/\/www.psib-psoe.org\/mallorca\/wp-content\/uploads\/Disseny-sense-ti\u0301tol-19-900x600.jpg 900w, https:\/\/www.psib-psoe.org\/mallorca\/wp-content\/uploads\/Disseny-sense-ti\u0301tol-19-20x13.jpg 20w\" sizes=\"(max-width: 600px) 100vw, 600px\" \/><\/figure>\n\t\t<div class=\"blog-top\">\n\t\t\t<header class=\"post-title entry-header\">\n\t\t\t\t<aside class=\"post-meta cf\">\n\t\t20\/01\/2025 \/ <a href=\"https:\/\/www.psib-psoe.org\/mallorca\/category\/federacio-de-mallorca\/\" rel=\"category tag\">Federaci\u00f3 de Mallorca<\/a>, <a href=\"https:\/\/www.psib-psoe.org\/mallorca\/category\/federacio-de-mallorca-portada\/\" rel=\"category tag\">Federaci\u00f3 de Mallorca - Portada<\/a>, <a href=\"https:\/\/www.psib-psoe.org\/mallorca\/category\/municipis\/\" rel=\"category tag\">Municipis<\/a>, <a href=\"https:\/\/www.psib-psoe.org\/mallorca\/category\/portada\/\" rel=\"category tag\">Portada<\/a><\/aside>\n\t\t\t\t<h3 itemprop=\"headline\"><a href=\"https:\/\/www.psib-psoe.org\/mallorca\/els-socialistes-de-capdepera-insten-la-batlessa-mireia-ferrer-a-compareixer-en-una-comissio-informativa-urgent-per-aclarir-lacusacio-dinfraccio-urbanistica\/\" title=\"Els Socialistes de Capdepera insten la batlessa Mireia Ferrer a compar\u00e8ixer en una comissi\u00f3 informativa urgent per aclarir l\u2019acusaci\u00f3 d\u2019infracci\u00f3 urban\u00edstica.\">Els Socialistes de Capdepera insten la batlessa Mireia Ferrer a compar\u00e8ixer en una comissi\u00f3 informativa urgent per aclarir l\u2019acusaci\u00f3 d\u2019infracci\u00f3 urban\u00edstica.<\/a><\/h3>\n\t\t\t<\/header>\n\t\t<\/div>\n\t\t<div class=\"post-content\">\n\t\t\t<a href=\"https:\/\/www.psib-psoe.org\/mallorca\/els-socialistes-de-capdepera-insten-la-batlessa-mireia-ferrer-a-compareixer-en-una-comissio-informativa-urgent-per-aclarir-lacusacio-dinfraccio-urbanistica\/\" class=\"more-link\">Read More<\/a>\n\t\t<\/div>\n\t\t\t<aside class=\"post-bottom-meta hide\">\n\t\t<strong rel=\"author\" itemprop=\"author\" class=\"author vcard\"><span class=\"fn\">Albert<\/span><\/strong>\n\t\t<time class=\"date published time\" datetime=\"2025-01-20T11:17:45+02:00\" itemprop=\"datePublished\" content=\"2025-01-20T11:17:45+02:00\">20\/01\/2025<\/time>\n\t\t<meta itemprop=\"dateModified\" class=\"date updated\" content=\"2025-01-20T11:17:46+02:00\">\n\t\t<span class=\"hide\" itemprop=\"publisher\" itemscope itemtype=\"https:\/\/schema.org\/Organization\">\n\t\t\t<meta itemprop=\"name\" content=\"SocialistesdMca\">\n\t\t\t<span itemprop=\"logo\" itemscope itemtype=\"https:\/\/schema.org\/ImageObject\">\n\t\t\t\t<meta itemprop=\"url\" content=\"https:\/\/www.psib-psoe.org\/mallorca\/wp-content\/themes\/notio-wp\/assets\/img\/logo.png\">\n\t\t\t<\/span>\n\t\t\t<meta itemprop=\"url\" content=\"https:\/\/www.psib-psoe.org\/mallorca\/\">\n\t\t<\/span>\n\t\t\t\t<span class=\"hide\" itemprop=\"image\" itemscope itemtype=\"http:\/\/schema.org\/ImageObject\">\n\t\t\t<meta itemprop=\"url\" content=\"https:\/\/www.psib-psoe.org\/mallorca\/wp-content\/uploads\/Disseny-sense-ti\u0301tol-19.jpg\">\n\t\t\t<meta itemprop=\"width\" content=\"1080\">\n\t\t\t<meta itemprop=\"height\" content=\"1080\">\n\t\t<\/span>\n\t\t\t\t<meta itemscope itemprop=\"mainEntityOfPage\" itemtype=\"https:\/\/schema.org\/WebPage\" itemid=\"https:\/\/www.psib-psoe.org\/mallorca\/els-socialistes-de-capdepera-insten-la-batlessa-mireia-ferrer-a-compareixer-en-una-comissio-informativa-urgent-per-aclarir-lacusacio-dinfraccio-urbanistica\/\">\n\t<\/aside>\n\t\t<\/article>\n<\/div>\n<div class=\"small-12 large-4 columns\">\n\t<article itemscope itemtype=\"http:\/\/schema.org\/Article\" class=\"post blog-style7 alt post-29375 type-post status-publish format-standard has-post-thumbnail hentry category-federacio-de-mallorca category-federacio-de-mallorca-portada category-municipis category-portada tag-agrupacio-socialista-de-sa-pobla tag-catalina-cladera tag-federacio-socialista-de-mallorca tag-xesca-mir\" role=\"article\">\n\t\t<figure class=\"post-gallery\"><img loading=\"lazy\" decoding=\"async\" width=\"600\" height=\"400\" src=\"https:\/\/www.psib-psoe.org\/mallorca\/wp-content\/uploads\/SA-POBLA-XESCA-MIR-600x400.jpg\" class=\"attachment-notio-general-x2 size-notio-general-x2 wp-post-image\" alt=\"\" srcset=\"https:\/\/www.psib-psoe.org\/mallorca\/wp-content\/uploads\/SA-POBLA-XESCA-MIR-600x400.jpg 600w, https:\/\/www.psib-psoe.org\/mallorca\/wp-content\/uploads\/SA-POBLA-XESCA-MIR-300x200.jpg 300w, https:\/\/www.psib-psoe.org\/mallorca\/wp-content\/uploads\/SA-POBLA-XESCA-MIR-768x512.jpg 768w, https:\/\/www.psib-psoe.org\/mallorca\/wp-content\/uploads\/SA-POBLA-XESCA-MIR-1024x683.jpg 1024w, https:\/\/www.psib-psoe.org\/mallorca\/wp-content\/uploads\/SA-POBLA-XESCA-MIR-150x100.jpg 150w, https:\/\/www.psib-psoe.org\/mallorca\/wp-content\/uploads\/SA-POBLA-XESCA-MIR-900x600.jpg 900w, https:\/\/www.psib-psoe.org\/mallorca\/wp-content\/uploads\/SA-POBLA-XESCA-MIR-20x13.jpg 20w\" sizes=\"(max-width: 600px) 100vw, 600px\" \/><\/figure>\n\t\t<div class=\"blog-top\">\n\t\t\t<header class=\"post-title entry-header\">\n\t\t\t\t<aside class=\"post-meta cf\">\n\t\t17\/01\/2025 \/ <a href=\"https:\/\/www.psib-psoe.org\/mallorca\/category\/federacio-de-mallorca\/\" rel=\"category tag\">Federaci\u00f3 de Mallorca<\/a>, <a href=\"https:\/\/www.psib-psoe.org\/mallorca\/category\/federacio-de-mallorca-portada\/\" rel=\"category tag\">Federaci\u00f3 de Mallorca - Portada<\/a>, <a href=\"https:\/\/www.psib-psoe.org\/mallorca\/category\/municipis\/\" rel=\"category tag\">Municipis<\/a>, <a href=\"https:\/\/www.psib-psoe.org\/mallorca\/category\/portada\/\" rel=\"category tag\">Portada<\/a><\/aside>\n\t\t\t\t<h3 itemprop=\"headline\"><a href=\"https:\/\/www.psib-psoe.org\/mallorca\/xesca-mir-latencio-als-infants-a-lescoleta-de-sa-pobla-esta-garantida\/\" title=\"Xesca Mir: \u201cl\u2019atenci\u00f3 als infants a l\u2019Escoleta de Sa Pobla est\u00e0 garantida\u201d\">Xesca Mir: \u201cl\u2019atenci\u00f3 als infants a l\u2019Escoleta de Sa Pobla est\u00e0 garantida\u201d<\/a><\/h3>\n\t\t\t<\/header>\n\t\t<\/div>\n\t\t<div class=\"post-content\">\n\t\t\t<a href=\"https:\/\/www.psib-psoe.org\/mallorca\/xesca-mir-latencio-als-infants-a-lescoleta-de-sa-pobla-esta-garantida\/\" class=\"more-link\">Read More<\/a>\n\t\t<\/div>\n\t\t\t<aside class=\"post-bottom-meta hide\">\n\t\t<strong rel=\"author\" itemprop=\"author\" class=\"author vcard\"><span class=\"fn\">Albert<\/span><\/strong>\n\t\t<time class=\"date published time\" datetime=\"2025-01-17T09:00:00+02:00\" itemprop=\"datePublished\" content=\"2025-01-17T09:00:00+02:00\">17\/01\/2025<\/time>\n\t\t<meta itemprop=\"dateModified\" class=\"date updated\" content=\"2025-01-16T19:56:16+02:00\">\n\t\t<span class=\"hide\" itemprop=\"publisher\" itemscope itemtype=\"https:\/\/schema.org\/Organization\">\n\t\t\t<meta itemprop=\"name\" content=\"SocialistesdMca\">\n\t\t\t<span itemprop=\"logo\" itemscope itemtype=\"https:\/\/schema.org\/ImageObject\">\n\t\t\t\t<meta itemprop=\"url\" content=\"https:\/\/www.psib-psoe.org\/mallorca\/wp-content\/themes\/notio-wp\/assets\/img\/logo.png\">\n\t\t\t<\/span>\n\t\t\t<meta itemprop=\"url\" content=\"https:\/\/www.psib-psoe.org\/mallorca\/\">\n\t\t<\/span>\n\t\t\t\t<span class=\"hide\" itemprop=\"image\" itemscope itemtype=\"http:\/\/schema.org\/ImageObject\">\n\t\t\t<meta itemprop=\"url\" content=\"https:\/\/www.psib-psoe.org\/mallorca\/wp-content\/uploads\/SA-POBLA-XESCA-MIR.jpg\">\n\t\t\t<meta itemprop=\"width\" content=\"6000\">\n\t\t\t<meta itemprop=\"height\" content=\"4000\">\n\t\t<\/span>\n\t\t\t\t<meta itemscope itemprop=\"mainEntityOfPage\" itemtype=\"https:\/\/schema.org\/WebPage\" itemid=\"https:\/\/www.psib-psoe.org\/mallorca\/xesca-mir-latencio-als-infants-a-lescoleta-de-sa-pobla-esta-garantida\/\">\n\t<\/aside>\n\t\t<\/article>\n<\/div>\n<div class=\"small-12 large-4 columns\">\n\t<article itemscope itemtype=\"http:\/\/schema.org\/Article\" class=\"post blog-style7 alt post-29371 type-post status-publish format-standard has-post-thumbnail hentry category-federacio-de-mallorca category-federacio-de-mallorca-portada category-municipis category-portada tag-catalina-cladera tag-federacio-socialista-de-mallorca tag-javier-de-juan tag-joan-ferrer tag-mercedes-garrido tag-sofia-alonso\" role=\"article\">\n\t\t<figure class=\"post-gallery\"><img loading=\"lazy\" decoding=\"async\" width=\"600\" height=\"400\" src=\"https:\/\/www.psib-psoe.org\/mallorca\/wp-content\/uploads\/Javier-1-600x400.jpeg\" class=\"attachment-notio-general-x2 size-notio-general-x2 wp-post-image\" alt=\"\" srcset=\"https:\/\/www.psib-psoe.org\/mallorca\/wp-content\/uploads\/Javier-1-600x400.jpeg 600w, https:\/\/www.psib-psoe.org\/mallorca\/wp-content\/uploads\/Javier-1-300x200.jpeg 300w, https:\/\/www.psib-psoe.org\/mallorca\/wp-content\/uploads\/Javier-1-900x600.jpeg 900w, https:\/\/www.psib-psoe.org\/mallorca\/wp-content\/uploads\/Javier-1-20x13.jpeg 20w\" sizes=\"(max-width: 600px) 100vw, 600px\" \/><\/figure>\n\t\t<div class=\"blog-top\">\n\t\t\t<header class=\"post-title entry-header\">\n\t\t\t\t<aside class=\"post-meta cf\">\n\t\t16\/01\/2025 \/ <a href=\"https:\/\/www.psib-psoe.org\/mallorca\/category\/federacio-de-mallorca\/\" rel=\"category tag\">Federaci\u00f3 de Mallorca<\/a>, <a href=\"https:\/\/www.psib-psoe.org\/mallorca\/category\/federacio-de-mallorca-portada\/\" rel=\"category tag\">Federaci\u00f3 de Mallorca - Portada<\/a>, <a href=\"https:\/\/www.psib-psoe.org\/mallorca\/category\/municipis\/\" rel=\"category tag\">Municipis<\/a>, <a href=\"https:\/\/www.psib-psoe.org\/mallorca\/category\/portada\/\" rel=\"category tag\">Portada<\/a><\/aside>\n\t\t\t\t<h3 itemprop=\"headline\"><a href=\"https:\/\/www.psib-psoe.org\/mallorca\/javier-de-juan-exigim-galmes-que-defensi-la-tesi-dels-tecnics-del-consell-davant-les-demandes-de-recalcul-de-la-indemnitzacio-pel-rescat-del-tunel-de-soller-que-ha-presentat-lantiga\/\" title=\"Javier de Juan: \u201cexigim Galm\u00e9s que defensi la tesi dels t\u00e8cnics del Consell davant les demandes de rec\u00e0lcul de la indemnitzaci\u00f3 pel rescat del T\u00fanel de S\u00f3ller que ha presentat l\u2019antiga concession\u00e0ria\u201d.\">Javier de Juan: \u201cexigim Galm\u00e9s que defensi la tesi dels t\u00e8cnics del Consell davant les demandes de rec\u00e0lcul de la indemnitzaci\u00f3 pel rescat del T\u00fanel de S\u00f3ller que ha presentat l\u2019antiga concession\u00e0ria\u201d.<\/a><\/h3>\n\t\t\t<\/header>\n\t\t<\/div>\n\t\t<div class=\"post-content\">\n\t\t\t<a href=\"https:\/\/www.psib-psoe.org\/mallorca\/javier-de-juan-exigim-galmes-que-defensi-la-tesi-dels-tecnics-del-consell-davant-les-demandes-de-recalcul-de-la-indemnitzacio-pel-rescat-del-tunel-de-soller-que-ha-presentat-lantiga\/\" class=\"more-link\">Read More<\/a>\n\t\t<\/div>\n\t\t\t<aside class=\"post-bottom-meta hide\">\n\t\t<strong rel=\"author\" itemprop=\"author\" class=\"author vcard\"><span class=\"fn\">Albert<\/span><\/strong>\n\t\t<time class=\"date published time\" datetime=\"2025-01-16T19:48:11+02:00\" itemprop=\"datePublished\" content=\"2025-01-16T19:48:11+02:00\">16\/01\/2025<\/time>\n\t\t<meta itemprop=\"dateModified\" class=\"date updated\" content=\"2025-01-16T19:48:13+02:00\">\n\t\t<span class=\"hide\" itemprop=\"publisher\" itemscope itemtype=\"https:\/\/schema.org\/Organization\">\n\t\t\t<meta itemprop=\"name\" content=\"SocialistesdMca\">\n\t\t\t<span itemprop=\"logo\" itemscope itemtype=\"https:\/\/schema.org\/ImageObject\">\n\t\t\t\t<meta itemprop=\"url\" content=\"https:\/\/www.psib-psoe.org\/mallorca\/wp-content\/themes\/notio-wp\/assets\/img\/logo.png\">\n\t\t\t<\/span>\n\t\t\t<meta itemprop=\"url\" content=\"https:\/\/www.psib-psoe.org\/mallorca\/\">\n\t\t<\/span>\n\t\t\t\t<span class=\"hide\" itemprop=\"image\" itemscope itemtype=\"http:\/\/schema.org\/ImageObject\">\n\t\t\t<meta itemprop=\"url\" content=\"https:\/\/www.psib-psoe.org\/mallorca\/wp-content\/uploads\/Javier-1.jpeg\">\n\t\t\t<meta itemprop=\"width\" content=\"1536\">\n\t\t\t<meta itemprop=\"height\" content=\"2048\">\n\t\t<\/span>\n\t\t\t\t<meta itemscope itemprop=\"mainEntityOfPage\" itemtype=\"https:\/\/schema.org\/WebPage\" itemid=\"https:\/\/www.psib-psoe.org\/mallorca\/javier-de-juan-exigim-galmes-que-defensi-la-tesi-dels-tecnics-del-consell-davant-les-demandes-de-recalcul-de-la-indemnitzacio-pel-rescat-del-tunel-de-soller-que-ha-presentat-lantiga\/\">\n\t<\/aside>\n\t\t<\/article>\n<\/div>\n<div class=\"small-12 large-4 columns\">\n\t<article itemscope itemtype=\"http:\/\/schema.org\/Article\" class=\"post blog-style7 alt post-29368 type-post status-publish format-standard has-post-thumbnail hentry category-federacio-de-mallorca category-federacio-de-mallorca-portada category-municipis category-portada tag-andreu-serra tag-bea-gamundi tag-biel-alomar tag-catalina-cladera tag-federacio-socialista-de-mallorca tag-javier-de-juan tag-joan-ferrer tag-juana-m-adrover tag-maria-antonia-truyols tag-sofia-alonso\" role=\"article\">\n\t\t<figure class=\"post-gallery\"><img loading=\"lazy\" decoding=\"async\" width=\"600\" height=\"400\" src=\"https:\/\/www.psib-psoe.org\/mallorca\/wp-content\/uploads\/Ple-Marcial-Galmes-160125-600x400.jpeg\" class=\"attachment-notio-general-x2 size-notio-general-x2 wp-post-image\" alt=\"\" srcset=\"https:\/\/www.psib-psoe.org\/mallorca\/wp-content\/uploads\/Ple-Marcial-Galmes-160125-600x400.jpeg 600w, https:\/\/www.psib-psoe.org\/mallorca\/wp-content\/uploads\/Ple-Marcial-Galmes-160125-300x200.jpeg 300w, https:\/\/www.psib-psoe.org\/mallorca\/wp-content\/uploads\/Ple-Marcial-Galmes-160125-900x600.jpeg 900w, https:\/\/www.psib-psoe.org\/mallorca\/wp-content\/uploads\/Ple-Marcial-Galmes-160125-20x13.jpeg 20w\" sizes=\"(max-width: 600px) 100vw, 600px\" \/><\/figure>\n\t\t<div class=\"blog-top\">\n\t\t\t<header class=\"post-title entry-header\">\n\t\t\t\t<aside class=\"post-meta cf\">\n\t\t16\/01\/2025 \/ <a href=\"https:\/\/www.psib-psoe.org\/mallorca\/category\/federacio-de-mallorca\/\" rel=\"category tag\">Federaci\u00f3 de Mallorca<\/a>, <a href=\"https:\/\/www.psib-psoe.org\/mallorca\/category\/federacio-de-mallorca-portada\/\" rel=\"category tag\">Federaci\u00f3 de Mallorca - Portada<\/a>, <a href=\"https:\/\/www.psib-psoe.org\/mallorca\/category\/municipis\/\" rel=\"category tag\">Municipis<\/a>, <a href=\"https:\/\/www.psib-psoe.org\/mallorca\/category\/portada\/\" rel=\"category tag\">Portada<\/a><\/aside>\n\t\t\t\t<h3 itemprop=\"headline\"><a href=\"https:\/\/www.psib-psoe.org\/mallorca\/galmes-protegeix-marcial-rodriguez-i-es-nega-a-cessar-lo-despres-que-no-hagi-contestat-ni-una-sola-de-les-acusacions-damenaces-i-coaccions-que-li-formulen-els-funcionaris-del-seu-departament\/\" title=\"Galm\u00e9s protegeix Marcial Rodr\u00edguez i es nega a cessar-lo despr\u00e9s que no hagi contestat ni una sola de les acusacions d\u2019amenaces i coaccions que li formulen els funcionaris del seu departament.\">Galm\u00e9s protegeix Marcial Rodr\u00edguez i es nega a cessar-lo despr\u00e9s que no hagi contestat ni una sola de les acusacions d\u2019amenaces i coaccions que li formulen els funcionaris del seu departament.<\/a><\/h3>\n\t\t\t<\/header>\n\t\t<\/div>\n\t\t<div class=\"post-content\">\n\t\t\t<a href=\"https:\/\/www.psib-psoe.org\/mallorca\/galmes-protegeix-marcial-rodriguez-i-es-nega-a-cessar-lo-despres-que-no-hagi-contestat-ni-una-sola-de-les-acusacions-damenaces-i-coaccions-que-li-formulen-els-funcionaris-del-seu-departament\/\" class=\"more-link\">Read More<\/a>\n\t\t<\/div>\n\t\t\t<aside class=\"post-bottom-meta hide\">\n\t\t<strong rel=\"author\" itemprop=\"author\" class=\"author vcard\"><span class=\"fn\">Albert<\/span><\/strong>\n\t\t<time class=\"date published time\" datetime=\"2025-01-16T19:43:36+02:00\" itemprop=\"datePublished\" content=\"2025-01-16T19:43:36+02:00\">16\/01\/2025<\/time>\n\t\t<meta itemprop=\"dateModified\" class=\"date updated\" content=\"2025-01-16T19:43:37+02:00\">\n\t\t<span class=\"hide\" itemprop=\"publisher\" itemscope itemtype=\"https:\/\/schema.org\/Organization\">\n\t\t\t<meta itemprop=\"name\" content=\"SocialistesdMca\">\n\t\t\t<span itemprop=\"logo\" itemscope itemtype=\"https:\/\/schema.org\/ImageObject\">\n\t\t\t\t<meta itemprop=\"url\" content=\"https:\/\/www.psib-psoe.org\/mallorca\/wp-content\/themes\/notio-wp\/assets\/img\/logo.png\">\n\t\t\t<\/span>\n\t\t\t<meta itemprop=\"url\" content=\"https:\/\/www.psib-psoe.org\/mallorca\/\">\n\t\t<\/span>\n\t\t\t\t<span class=\"hide\" itemprop=\"image\" itemscope itemtype=\"http:\/\/schema.org\/ImageObject\">\n\t\t\t<meta itemprop=\"url\" content=\"https:\/\/www.psib-psoe.org\/mallorca\/wp-content\/uploads\/Ple-Marcial-Galmes-160125-scaled.jpeg\">\n\t\t\t<meta itemprop=\"width\" content=\"2560\">\n\t\t\t<meta itemprop=\"height\" content=\"1920\">\n\t\t<\/span>\n\t\t\t\t<meta itemscope itemprop=\"mainEntityOfPage\" itemtype=\"https:\/\/schema.org\/WebPage\" itemid=\"https:\/\/www.psib-psoe.org\/mallorca\/galmes-protegeix-marcial-rodriguez-i-es-nega-a-cessar-lo-despres-que-no-hagi-contestat-ni-una-sola-de-les-acusacions-damenaces-i-coaccions-que-li-formulen-els-funcionaris-del-seu-departament\/\">\n\t<\/aside>\n\t\t<\/article>\n<\/div>\n<div class=\"small-12 large-4 columns\">\n\t<article itemscope itemtype=\"http:\/\/schema.org\/Article\" class=\"post blog-style7 alt post-29364 type-post status-publish format-standard has-post-thumbnail hentry category-federacio-de-mallorca category-federacio-de-mallorca-portada category-municipis category-portada tag-catalina-cladera tag-federacio-socialista-de-mallorca tag-juana-m-adrover tag-malena-riudavets tag-marc-pons\" role=\"article\">\n\t\t<figure class=\"post-gallery\"><img loading=\"lazy\" decoding=\"async\" width=\"600\" height=\"400\" src=\"https:\/\/www.psib-psoe.org\/mallorca\/wp-content\/uploads\/Cati-Rafel-Malena-600x400.jpeg\" class=\"attachment-notio-general-x2 size-notio-general-x2 wp-post-image\" alt=\"\" srcset=\"https:\/\/www.psib-psoe.org\/mallorca\/wp-content\/uploads\/Cati-Rafel-Malena-600x400.jpeg 600w, https:\/\/www.psib-psoe.org\/mallorca\/wp-content\/uploads\/Cati-Rafel-Malena-300x200.jpeg 300w, https:\/\/www.psib-psoe.org\/mallorca\/wp-content\/uploads\/Cati-Rafel-Malena-900x600.jpeg 900w, https:\/\/www.psib-psoe.org\/mallorca\/wp-content\/uploads\/Cati-Rafel-Malena-20x13.jpeg 20w\" sizes=\"(max-width: 600px) 100vw, 600px\" \/><\/figure>\n\t\t<div class=\"blog-top\">\n\t\t\t<header class=\"post-title entry-header\">\n\t\t\t\t<aside class=\"post-meta cf\">\n\t\t14\/01\/2025 \/ <a href=\"https:\/\/www.psib-psoe.org\/mallorca\/category\/federacio-de-mallorca\/\" rel=\"category tag\">Federaci\u00f3 de Mallorca<\/a>, <a href=\"https:\/\/www.psib-psoe.org\/mallorca\/category\/federacio-de-mallorca-portada\/\" rel=\"category tag\">Federaci\u00f3 de Mallorca - Portada<\/a>, <a href=\"https:\/\/www.psib-psoe.org\/mallorca\/category\/municipis\/\" rel=\"category tag\">Municipis<\/a>, <a href=\"https:\/\/www.psib-psoe.org\/mallorca\/category\/portada\/\" rel=\"category tag\">Portada<\/a><\/aside>\n\t\t\t\t<h3 itemprop=\"headline\"><a href=\"https:\/\/www.psib-psoe.org\/mallorca\/la-denegacio-del-projecte-ambiental-de-la-macro-granja-de-sineu-es-un-triomf-popular-pero-no-el-final-de-la-lluita\/\" title=\"La denegaci\u00f3 del projecte ambiental de la macro-granja de Sineu \u00e9s \u201cun triomf popular\u201d, per\u00f2 no el final de la lluita.\">La denegaci\u00f3 del projecte ambiental de la macro-granja de Sineu \u00e9s \u201cun triomf popular\u201d, per\u00f2 no el final de la lluita.<\/a><\/h3>\n\t\t\t<\/header>\n\t\t<\/div>\n\t\t<div class=\"post-content\">\n\t\t\t<a href=\"https:\/\/www.psib-psoe.org\/mallorca\/la-denegacio-del-projecte-ambiental-de-la-macro-granja-de-sineu-es-un-triomf-popular-pero-no-el-final-de-la-lluita\/\" class=\"more-link\">Read More<\/a>\n\t\t<\/div>\n\t\t\t<aside class=\"post-bottom-meta hide\">\n\t\t<strong rel=\"author\" itemprop=\"author\" class=\"author vcard\"><span class=\"fn\">Albert<\/span><\/strong>\n\t\t<time class=\"date published time\" datetime=\"2025-01-14T18:24:55+02:00\" itemprop=\"datePublished\" content=\"2025-01-14T18:24:55+02:00\">14\/01\/2025<\/time>\n\t\t<meta itemprop=\"dateModified\" class=\"date updated\" content=\"2025-01-14T18:24:56+02:00\">\n\t\t<span class=\"hide\" itemprop=\"publisher\" itemscope itemtype=\"https:\/\/schema.org\/Organization\">\n\t\t\t<meta itemprop=\"name\" content=\"SocialistesdMca\">\n\t\t\t<span itemprop=\"logo\" itemscope itemtype=\"https:\/\/schema.org\/ImageObject\">\n\t\t\t\t<meta itemprop=\"url\" content=\"https:\/\/www.psib-psoe.org\/mallorca\/wp-content\/themes\/notio-wp\/assets\/img\/logo.png\">\n\t\t\t<\/span>\n\t\t\t<meta itemprop=\"url\" content=\"https:\/\/www.psib-psoe.org\/mallorca\/\">\n\t\t<\/span>\n\t\t\t\t<span class=\"hide\" itemprop=\"image\" itemscope itemtype=\"http:\/\/schema.org\/ImageObject\">\n\t\t\t<meta itemprop=\"url\" content=\"https:\/\/www.psib-psoe.org\/mallorca\/wp-content\/uploads\/Cati-Rafel-Malena.jpeg\">\n\t\t\t<meta itemprop=\"width\" content=\"1200\">\n\t\t\t<meta itemprop=\"height\" content=\"1600\">\n\t\t<\/span>\n\t\t\t\t<meta itemscope itemprop=\"mainEntityOfPage\" itemtype=\"https:\/\/schema.org\/WebPage\" itemid=\"https:\/\/www.psib-psoe.org\/mallorca\/la-denegacio-del-projecte-ambiental-de-la-macro-granja-de-sineu-es-un-triomf-popular-pero-no-el-final-de-la-lluita\/\">\n\t<\/aside>\n\t\t<\/article>\n<\/div>\n<div class=\"small-12 large-4 columns\">\n\t<article itemscope itemtype=\"http:\/\/schema.org\/Article\" class=\"post blog-style7 alt post-29360 type-post status-publish format-standard has-post-thumbnail hentry category-federacio-de-mallorca category-federacio-de-mallorca-portada category-municipis category-portada tag-catalina-cladera tag-federacio-socialista-de-mallorca tag-javier-de-juan tag-joan-ferrer tag-psib-psoe\" role=\"article\">\n\t\t<figure class=\"post-gallery\"><img loading=\"lazy\" decoding=\"async\" width=\"600\" height=\"400\" src=\"https:\/\/www.psib-psoe.org\/mallorca\/wp-content\/uploads\/Rdp-140125-600x400.jpeg\" class=\"attachment-notio-general-x2 size-notio-general-x2 wp-post-image\" alt=\"\" srcset=\"https:\/\/www.psib-psoe.org\/mallorca\/wp-content\/uploads\/Rdp-140125-600x400.jpeg 600w, https:\/\/www.psib-psoe.org\/mallorca\/wp-content\/uploads\/Rdp-140125-300x200.jpeg 300w, https:\/\/www.psib-psoe.org\/mallorca\/wp-content\/uploads\/Rdp-140125-900x600.jpeg 900w, https:\/\/www.psib-psoe.org\/mallorca\/wp-content\/uploads\/Rdp-140125-20x13.jpeg 20w\" sizes=\"(max-width: 600px) 100vw, 600px\" \/><\/figure>\n\t\t<div class=\"blog-top\">\n\t\t\t<header class=\"post-title entry-header\">\n\t\t\t\t<aside class=\"post-meta cf\">\n\t\t14\/01\/2025 \/ <a href=\"https:\/\/www.psib-psoe.org\/mallorca\/category\/federacio-de-mallorca\/\" rel=\"category tag\">Federaci\u00f3 de Mallorca<\/a>, <a href=\"https:\/\/www.psib-psoe.org\/mallorca\/category\/federacio-de-mallorca-portada\/\" rel=\"category tag\">Federaci\u00f3 de Mallorca - Portada<\/a>, <a href=\"https:\/\/www.psib-psoe.org\/mallorca\/category\/municipis\/\" rel=\"category tag\">Municipis<\/a>, <a href=\"https:\/\/www.psib-psoe.org\/mallorca\/category\/portada\/\" rel=\"category tag\">Portada<\/a><\/aside>\n\t\t\t\t<h3 itemprop=\"headline\"><a href=\"https:\/\/www.psib-psoe.org\/mallorca\/cladera-un-conseller-que-rep-denuncies-per-amenacar-funcionaris-no-pot-seguir-ni-un-minut-mes-en-el-carrec-galmes-ha-de-cessar-marcial-rodriguez\/\" title=\"Cladera: \u201cun conseller que rep den\u00fancies per amena\u00e7ar funcionaris no pot seguir ni un minut m\u00e9s en el c\u00e0rrec; Galm\u00e9s ha de cessar Marcial Rodr\u00edguez\u201d.\">Cladera: \u201cun conseller que rep den\u00fancies per amena\u00e7ar funcionaris no pot seguir ni un minut m\u00e9s en el c\u00e0rrec; Galm\u00e9s ha de cessar Marcial Rodr\u00edguez\u201d.<\/a><\/h3>\n\t\t\t<\/header>\n\t\t<\/div>\n\t\t<div class=\"post-content\">\n\t\t\t<a href=\"https:\/\/www.psib-psoe.org\/mallorca\/cladera-un-conseller-que-rep-denuncies-per-amenacar-funcionaris-no-pot-seguir-ni-un-minut-mes-en-el-carrec-galmes-ha-de-cessar-marcial-rodriguez\/\" class=\"more-link\">Read More<\/a>\n\t\t<\/div>\n\t\t\t<aside class=\"post-bottom-meta hide\">\n\t\t<strong rel=\"author\" itemprop=\"author\" class=\"author vcard\"><span class=\"fn\">Albert<\/span><\/strong>\n\t\t<time class=\"date published time\" datetime=\"2025-01-14T15:48:51+02:00\" itemprop=\"datePublished\" content=\"2025-01-14T15:48:51+02:00\">14\/01\/2025<\/time>\n\t\t<meta itemprop=\"dateModified\" class=\"date updated\" content=\"2025-01-14T15:48:53+02:00\">\n\t\t<span class=\"hide\" itemprop=\"publisher\" itemscope itemtype=\"https:\/\/schema.org\/Organization\">\n\t\t\t<meta itemprop=\"name\" content=\"SocialistesdMca\">\n\t\t\t<span itemprop=\"logo\" itemscope itemtype=\"https:\/\/schema.org\/ImageObject\">\n\t\t\t\t<meta itemprop=\"url\" content=\"https:\/\/www.psib-psoe.org\/mallorca\/wp-content\/themes\/notio-wp\/assets\/img\/logo.png\">\n\t\t\t<\/span>\n\t\t\t<meta itemprop=\"url\" content=\"https:\/\/www.psib-psoe.org\/mallorca\/\">\n\t\t<\/span>\n\t\t\t\t<span class=\"hide\" itemprop=\"image\" itemscope itemtype=\"http:\/\/schema.org\/ImageObject\">\n\t\t\t<meta itemprop=\"url\" content=\"https:\/\/www.psib-psoe.org\/mallorca\/wp-content\/uploads\/Rdp-140125.jpeg\">\n\t\t\t<meta itemprop=\"width\" content=\"2560\">\n\t\t\t<meta itemprop=\"height\" content=\"1920\">\n\t\t<\/span>\n\t\t\t\t<meta itemscope itemprop=\"mainEntityOfPage\" itemtype=\"https:\/\/schema.org\/WebPage\" itemid=\"https:\/\/www.psib-psoe.org\/mallorca\/cladera-un-conseller-que-rep-denuncies-per-amenacar-funcionaris-no-pot-seguir-ni-un-minut-mes-en-el-carrec-galmes-ha-de-cessar-marcial-rodriguez\/\">\n\t<\/aside>\n\t\t<\/article>\n<\/div>\n<div class=\"small-12 large-4 columns\">\n\t<article itemscope itemtype=\"http:\/\/schema.org\/Article\" class=\"post blog-style7 alt post-29358 type-post status-publish format-standard has-post-thumbnail hentry category-federacio-de-mallorca category-federacio-de-mallorca-portada category-municipis category-portada tag-agrupacio-socialista-de-son-servera tag-antonia-sastre tag-catalina-cladera tag-federacio-socialista-de-mallorca tag-javier-de-juan tag-jose-luis-ruiz tag-psib-psoe tag-reme-canadas\" role=\"article\">\n\t\t<figure class=\"post-gallery\"><img loading=\"lazy\" decoding=\"async\" width=\"600\" height=\"400\" src=\"https:\/\/www.psib-psoe.org\/mallorca\/wp-content\/uploads\/Regidors-Son-Servera-2024-600x400.jpeg\" class=\"attachment-notio-general-x2 size-notio-general-x2 wp-post-image\" alt=\"\" srcset=\"https:\/\/www.psib-psoe.org\/mallorca\/wp-content\/uploads\/Regidors-Son-Servera-2024-600x400.jpeg 600w, https:\/\/www.psib-psoe.org\/mallorca\/wp-content\/uploads\/Regidors-Son-Servera-2024-300x200.jpeg 300w, https:\/\/www.psib-psoe.org\/mallorca\/wp-content\/uploads\/Regidors-Son-Servera-2024-900x600.jpeg 900w, https:\/\/www.psib-psoe.org\/mallorca\/wp-content\/uploads\/Regidors-Son-Servera-2024-20x13.jpeg 20w\" sizes=\"(max-width: 600px) 100vw, 600px\" \/><\/figure>\n\t\t<div class=\"blog-top\">\n\t\t\t<header class=\"post-title entry-header\">\n\t\t\t\t<aside class=\"post-meta cf\">\n\t\t11\/01\/2025 \/ <a href=\"https:\/\/www.psib-psoe.org\/mallorca\/category\/federacio-de-mallorca\/\" rel=\"category tag\">Federaci\u00f3 de Mallorca<\/a>, <a href=\"https:\/\/www.psib-psoe.org\/mallorca\/category\/federacio-de-mallorca-portada\/\" rel=\"category tag\">Federaci\u00f3 de Mallorca - Portada<\/a>, <a href=\"https:\/\/www.psib-psoe.org\/mallorca\/category\/municipis\/\" rel=\"category tag\">Municipis<\/a>, <a href=\"https:\/\/www.psib-psoe.org\/mallorca\/category\/portada\/\" rel=\"category tag\">Portada<\/a><\/aside>\n\t\t\t\t<h3 itemprop=\"headline\"><a href=\"https:\/\/www.psib-psoe.org\/mallorca\/els-socialistes-de-son-servera-alerten-de-la-perillositat-de-la-nova-rotonda-dacces-a-la-localitat-per-la-manca-de-senyalitzacio-i-reclamen-millores-immediates\/\" title=\"Els Socialistes de Son Servera alerten de la perillositat de la nova rotonda d\u2019acc\u00e9s a la localitat per la manca de senyalitzaci\u00f3 i reclamen millores immediates.\u00a0\u00a0 \u00a0\u00a0\u00a0 \u00a0\">Els Socialistes de Son Servera alerten de la perillositat de la nova rotonda d\u2019acc\u00e9s a la localitat per la manca de senyalitzaci\u00f3 i reclamen millores immediates.\u00a0\u00a0 \u00a0\u00a0\u00a0 \u00a0<\/a><\/h3>\n\t\t\t<\/header>\n\t\t<\/div>\n\t\t<div class=\"post-content\">\n\t\t\t<a href=\"https:\/\/www.psib-psoe.org\/mallorca\/els-socialistes-de-son-servera-alerten-de-la-perillositat-de-la-nova-rotonda-dacces-a-la-localitat-per-la-manca-de-senyalitzacio-i-reclamen-millores-immediates\/\" class=\"more-link\">Read More<\/a>\n\t\t<\/div>\n\t\t\t<aside class=\"post-bottom-meta hide\">\n\t\t<strong rel=\"author\" itemprop=\"author\" class=\"author vcard\"><span class=\"fn\">Albert<\/span><\/strong>\n\t\t<time class=\"date published time\" datetime=\"2025-01-11T11:19:08+02:00\" itemprop=\"datePublished\" content=\"2025-01-11T11:19:08+02:00\">11\/01\/2025<\/time>\n\t\t<meta itemprop=\"dateModified\" class=\"date updated\" content=\"2025-01-11T11:19:10+02:00\">\n\t\t<span class=\"hide\" itemprop=\"publisher\" itemscope itemtype=\"https:\/\/schema.org\/Organization\">\n\t\t\t<meta itemprop=\"name\" content=\"SocialistesdMca\">\n\t\t\t<span itemprop=\"logo\" itemscope itemtype=\"https:\/\/schema.org\/ImageObject\">\n\t\t\t\t<meta itemprop=\"url\" content=\"https:\/\/www.psib-psoe.org\/mallorca\/wp-content\/themes\/notio-wp\/assets\/img\/logo.png\">\n\t\t\t<\/span>\n\t\t\t<meta itemprop=\"url\" content=\"https:\/\/www.psib-psoe.org\/mallorca\/\">\n\t\t<\/span>\n\t\t\t\t<span class=\"hide\" itemprop=\"image\" itemscope itemtype=\"http:\/\/schema.org\/ImageObject\">\n\t\t\t<meta itemprop=\"url\" content=\"https:\/\/www.psib-psoe.org\/mallorca\/wp-content\/uploads\/Regidors-Son-Servera-2024.jpeg\">\n\t\t\t<meta itemprop=\"width\" content=\"1200\">\n\t\t\t<meta itemprop=\"height\" content=\"1013\">\n\t\t<\/span>\n\t\t\t\t<meta itemscope itemprop=\"mainEntityOfPage\" itemtype=\"https:\/\/schema.org\/WebPage\" itemid=\"https:\/\/www.psib-psoe.org\/mallorca\/els-socialistes-de-son-servera-alerten-de-la-perillositat-de-la-nova-rotonda-dacces-a-la-localitat-per-la-manca-de-senyalitzacio-i-reclamen-millores-immediates\/\">\n\t<\/aside>\n\t\t<\/article>\n<\/div>\n<div class=\"small-12 large-4 columns\">\n\t<article itemscope itemtype=\"http:\/\/schema.org\/Article\" class=\"post blog-style7 alt post-29354 type-post status-publish format-standard has-post-thumbnail hentry category-federacio-de-mallorca category-federacio-de-mallorca-portada category-municipis category-portada tag-catalina-cladera tag-federacio-socialista-de-mallorca tag-javier-de-juan tag-joan-ferrer tag-psib-psoe\" role=\"article\">\n\t\t<figure class=\"post-gallery\"><img loading=\"lazy\" decoding=\"async\" width=\"600\" height=\"400\" src=\"https:\/\/www.psib-psoe.org\/mallorca\/wp-content\/uploads\/Cladera-Cas-Marcial-3-600x400.jpeg\" class=\"attachment-notio-general-x2 size-notio-general-x2 wp-post-image\" alt=\"\" srcset=\"https:\/\/www.psib-psoe.org\/mallorca\/wp-content\/uploads\/Cladera-Cas-Marcial-3-600x400.jpeg 600w, https:\/\/www.psib-psoe.org\/mallorca\/wp-content\/uploads\/Cladera-Cas-Marcial-3-300x200.jpeg 300w, https:\/\/www.psib-psoe.org\/mallorca\/wp-content\/uploads\/Cladera-Cas-Marcial-3-900x600.jpeg 900w, https:\/\/www.psib-psoe.org\/mallorca\/wp-content\/uploads\/Cladera-Cas-Marcial-3-20x13.jpeg 20w\" sizes=\"(max-width: 600px) 100vw, 600px\" \/><\/figure>\n\t\t<div class=\"blog-top\">\n\t\t\t<header class=\"post-title entry-header\">\n\t\t\t\t<aside class=\"post-meta cf\">\n\t\t10\/01\/2025 \/ <a href=\"https:\/\/www.psib-psoe.org\/mallorca\/category\/federacio-de-mallorca\/\" rel=\"category tag\">Federaci\u00f3 de Mallorca<\/a>, <a href=\"https:\/\/www.psib-psoe.org\/mallorca\/category\/federacio-de-mallorca-portada\/\" rel=\"category tag\">Federaci\u00f3 de Mallorca - Portada<\/a>, <a href=\"https:\/\/www.psib-psoe.org\/mallorca\/category\/municipis\/\" rel=\"category tag\">Municipis<\/a>, <a href=\"https:\/\/www.psib-psoe.org\/mallorca\/category\/portada\/\" rel=\"category tag\">Portada<\/a><\/aside>\n\t\t\t\t<h3 itemprop=\"headline\"><a href=\"https:\/\/www.psib-psoe.org\/mallorca\/el-consell-de-mallorca-desconvoca-lacte-dinauguracio-de-la-nova-estacio-itv-a-calvia-despres-de-les-queixes-dels-usuaris-per-les-llargues-coes-de-mes-de-3-hores\/\" title=\"El Consell de Mallorca desconvoca \u00a0l\u2019acte d\u2019inauguraci\u00f3 de la nova estaci\u00f3 ITV a Calvi\u00e0, despr\u00e9s de les queixes dels usuaris per les llargues coes de m\u00e9s de 3 hores.\">El Consell de Mallorca desconvoca \u00a0l\u2019acte d\u2019inauguraci\u00f3 de la nova estaci\u00f3 ITV a Calvi\u00e0, despr\u00e9s de les queixes dels usuaris per les llargues coes de m\u00e9s de 3 hores.<\/a><\/h3>\n\t\t\t<\/header>\n\t\t<\/div>\n\t\t<div class=\"post-content\">\n\t\t\t<a href=\"https:\/\/www.psib-psoe.org\/mallorca\/el-consell-de-mallorca-desconvoca-lacte-dinauguracio-de-la-nova-estacio-itv-a-calvia-despres-de-les-queixes-dels-usuaris-per-les-llargues-coes-de-mes-de-3-hores\/\" class=\"more-link\">Read More<\/a>\n\t\t<\/div>\n\t\t\t<aside class=\"post-bottom-meta hide\">\n\t\t<strong rel=\"author\" itemprop=\"author\" class=\"author vcard\"><span class=\"fn\">Albert<\/span><\/strong>\n\t\t<time class=\"date published time\" datetime=\"2025-01-10T15:39:05+02:00\" itemprop=\"datePublished\" content=\"2025-01-10T15:39:05+02:00\">10\/01\/2025<\/time>\n\t\t<meta itemprop=\"dateModified\" class=\"date updated\" content=\"2025-01-10T15:39:08+02:00\">\n\t\t<span class=\"hide\" itemprop=\"publisher\" itemscope itemtype=\"https:\/\/schema.org\/Organization\">\n\t\t\t<meta itemprop=\"name\" content=\"SocialistesdMca\">\n\t\t\t<span itemprop=\"logo\" itemscope itemtype=\"https:\/\/schema.org\/ImageObject\">\n\t\t\t\t<meta itemprop=\"url\" content=\"https:\/\/www.psib-psoe.org\/mallorca\/wp-content\/themes\/notio-wp\/assets\/img\/logo.png\">\n\t\t\t<\/span>\n\t\t\t<meta itemprop=\"url\" content=\"https:\/\/www.psib-psoe.org\/mallorca\/\">\n\t\t<\/span>\n\t\t\t\t<span class=\"hide\" itemprop=\"image\" itemscope itemtype=\"http:\/\/schema.org\/ImageObject\">\n\t\t\t<meta itemprop=\"url\" content=\"https:\/\/www.psib-psoe.org\/mallorca\/wp-content\/uploads\/Cladera-Cas-Marcial-3.jpeg\">\n\t\t\t<meta itemprop=\"width\" content=\"2048\">\n\t\t\t<meta itemprop=\"height\" content=\"1536\">\n\t\t<\/span>\n\t\t\t\t<meta itemscope itemprop=\"mainEntityOfPage\" itemtype=\"https:\/\/schema.org\/WebPage\" itemid=\"https:\/\/www.psib-psoe.org\/mallorca\/el-consell-de-mallorca-desconvoca-lacte-dinauguracio-de-la-nova-estacio-itv-a-calvia-despres-de-les-queixes-dels-usuaris-per-les-llargues-coes-de-mes-de-3-hores\/\">\n\t<\/aside>\n\t\t<\/article>\n<\/div>\n<div class=\"small-12 large-4 columns\">\n\t<article itemscope itemtype=\"http:\/\/schema.org\/Article\" class=\"post blog-style7 alt post-29349 type-post status-publish format-standard has-post-thumbnail hentry category-federacio-de-mallorca category-federacio-de-mallorca-portada category-municipis category-portada tag-andreu-serra tag-catalina-cladera tag-federacio-socialista-de-mallorca tag-javier-de-juan tag-joan-ferrer tag-psib-psoe\" role=\"article\">\n\t\t<figure class=\"post-gallery\"><img loading=\"lazy\" decoding=\"async\" width=\"600\" height=\"400\" src=\"https:\/\/www.psib-psoe.org\/mallorca\/wp-content\/uploads\/Cladera-Cas-Marcial-1-1-600x400.jpeg\" class=\"attachment-notio-general-x2 size-notio-general-x2 wp-post-image\" alt=\"\" srcset=\"https:\/\/www.psib-psoe.org\/mallorca\/wp-content\/uploads\/Cladera-Cas-Marcial-1-1-600x400.jpeg 600w, https:\/\/www.psib-psoe.org\/mallorca\/wp-content\/uploads\/Cladera-Cas-Marcial-1-1-300x200.jpeg 300w, https:\/\/www.psib-psoe.org\/mallorca\/wp-content\/uploads\/Cladera-Cas-Marcial-1-1-900x600.jpeg 900w, https:\/\/www.psib-psoe.org\/mallorca\/wp-content\/uploads\/Cladera-Cas-Marcial-1-1-20x13.jpeg 20w\" sizes=\"(max-width: 600px) 100vw, 600px\" \/><\/figure>\n\t\t<div class=\"blog-top\">\n\t\t\t<header class=\"post-title entry-header\">\n\t\t\t\t<aside class=\"post-meta cf\">\n\t\t10\/01\/2025 \/ <a href=\"https:\/\/www.psib-psoe.org\/mallorca\/category\/federacio-de-mallorca\/\" rel=\"category tag\">Federaci\u00f3 de Mallorca<\/a>, <a href=\"https:\/\/www.psib-psoe.org\/mallorca\/category\/federacio-de-mallorca-portada\/\" rel=\"category tag\">Federaci\u00f3 de Mallorca - Portada<\/a>, <a href=\"https:\/\/www.psib-psoe.org\/mallorca\/category\/municipis\/\" rel=\"category tag\">Municipis<\/a>, <a href=\"https:\/\/www.psib-psoe.org\/mallorca\/category\/portada\/\" rel=\"category tag\">Portada<\/a><\/aside>\n\t\t\t\t<h3 itemprop=\"headline\"><a href=\"https:\/\/www.psib-psoe.org\/mallorca\/el-grup-socialista-al-consell-exigeix-galmes-el-cessament-del-conseller-de-turisme-jose-marcial-rodriguez\/\" title=\"El Grup Socialista al Consell exigeix Galm\u00e9s el cessament del conseller de Turisme, Jos\u00e9 Marcial Rodr\u00edguez. \u00a0\">El Grup Socialista al Consell exigeix Galm\u00e9s el cessament del conseller de Turisme, Jos\u00e9 Marcial Rodr\u00edguez. \u00a0<\/a><\/h3>\n\t\t\t<\/header>\n\t\t<\/div>\n\t\t<div class=\"post-content\">\n\t\t\t<a href=\"https:\/\/www.psib-psoe.org\/mallorca\/el-grup-socialista-al-consell-exigeix-galmes-el-cessament-del-conseller-de-turisme-jose-marcial-rodriguez\/\" class=\"more-link\">Read More<\/a>\n\t\t<\/div>\n\t\t\t<aside class=\"post-bottom-meta hide\">\n\t\t<strong rel=\"author\" itemprop=\"author\" class=\"author vcard\"><span class=\"fn\">Albert<\/span><\/strong>\n\t\t<time class=\"date published time\" datetime=\"2025-01-10T14:14:20+02:00\" itemprop=\"datePublished\" content=\"2025-01-10T14:14:20+02:00\">10\/01\/2025<\/time>\n\t\t<meta itemprop=\"dateModified\" class=\"date updated\" content=\"2025-01-10T14:14:22+02:00\">\n\t\t<span class=\"hide\" itemprop=\"publisher\" itemscope itemtype=\"https:\/\/schema.org\/Organization\">\n\t\t\t<meta itemprop=\"name\" content=\"SocialistesdMca\">\n\t\t\t<span itemprop=\"logo\" itemscope itemtype=\"https:\/\/schema.org\/ImageObject\">\n\t\t\t\t<meta itemprop=\"url\" content=\"https:\/\/www.psib-psoe.org\/mallorca\/wp-content\/themes\/notio-wp\/assets\/img\/logo.png\">\n\t\t\t<\/span>\n\t\t\t<meta itemprop=\"url\" content=\"https:\/\/www.psib-psoe.org\/mallorca\/\">\n\t\t<\/span>\n\t\t\t\t<span class=\"hide\" itemprop=\"image\" itemscope itemtype=\"http:\/\/schema.org\/ImageObject\">\n\t\t\t<meta itemprop=\"url\" content=\"https:\/\/www.psib-psoe.org\/mallorca\/wp-content\/uploads\/Cladera-Cas-Marcial-1-1.jpeg\">\n\t\t\t<meta itemprop=\"width\" content=\"1536\">\n\t\t\t<meta itemprop=\"height\" content=\"2048\">\n\t\t<\/span>\n\t\t\t\t<meta itemscope itemprop=\"mainEntityOfPage\" itemtype=\"https:\/\/schema.org\/WebPage\" itemid=\"https:\/\/www.psib-psoe.org\/mallorca\/el-grup-socialista-al-consell-exigeix-galmes-el-cessament-del-conseller-de-turisme-jose-marcial-rodriguez\/\">\n\t<\/aside>\n\t\t<\/article>\n<\/div>\n<div class=\"small-12 large-4 columns\">\n\t<article itemscope itemtype=\"http:\/\/schema.org\/Article\" class=\"post blog-style7 alt post-29345 type-post status-publish format-standard has-post-thumbnail hentry category-federacio-de-mallorca category-federacio-de-mallorca-portada category-municipis category-portada tag-andreu-serra tag-bea-gamundi tag-catalina-cladera tag-federacio-socialista-de-mallorca tag-javier-de-juan tag-joan-ferrer tag-juana-m-adrover tag-maria-antonia-truyols tag-psib-psoe tag-sofia-alonso\" role=\"article\">\n\t\t<figure class=\"post-gallery\"><img loading=\"lazy\" decoding=\"async\" width=\"600\" height=\"400\" src=\"https:\/\/www.psib-psoe.org\/mallorca\/wp-content\/uploads\/ple-090125-600x400.jpeg\" class=\"attachment-notio-general-x2 size-notio-general-x2 wp-post-image\" alt=\"\" srcset=\"https:\/\/www.psib-psoe.org\/mallorca\/wp-content\/uploads\/ple-090125-600x400.jpeg 600w, https:\/\/www.psib-psoe.org\/mallorca\/wp-content\/uploads\/ple-090125-300x200.jpeg 300w, https:\/\/www.psib-psoe.org\/mallorca\/wp-content\/uploads\/ple-090125-900x600.jpeg 900w, https:\/\/www.psib-psoe.org\/mallorca\/wp-content\/uploads\/ple-090125-20x13.jpeg 20w\" sizes=\"(max-width: 600px) 100vw, 600px\" \/><\/figure>\n\t\t<div class=\"blog-top\">\n\t\t\t<header class=\"post-title entry-header\">\n\t\t\t\t<aside class=\"post-meta cf\">\n\t\t09\/01\/2025 \/ <a href=\"https:\/\/www.psib-psoe.org\/mallorca\/category\/federacio-de-mallorca\/\" rel=\"category tag\">Federaci\u00f3 de Mallorca<\/a>, <a href=\"https:\/\/www.psib-psoe.org\/mallorca\/category\/federacio-de-mallorca-portada\/\" rel=\"category tag\">Federaci\u00f3 de Mallorca - Portada<\/a>, <a href=\"https:\/\/www.psib-psoe.org\/mallorca\/category\/municipis\/\" rel=\"category tag\">Municipis<\/a>, <a href=\"https:\/\/www.psib-psoe.org\/mallorca\/category\/portada\/\" rel=\"category tag\">Portada<\/a><\/aside>\n\t\t\t\t<h3 itemprop=\"headline\"><a href=\"https:\/\/www.psib-psoe.org\/mallorca\/els-socialistes-exigeixen-saber-el-cost-del-viatge-del-vicepresident-del-consell-pedro-bestard-a-larabia-que-ha-provocat-la-seva-absencia-del-ple-davui\/\" title=\"Els Socialistes exigeixen saber el cost del viatge del vicepresident del Consell, Pedro Bestard, a l\u2019Ar\u00e0bia que ha provocat la seva abs\u00e8ncia del ple d\u2019avui.\u00a0\u00a0 \u00a0\">Els Socialistes exigeixen saber el cost del viatge del vicepresident del Consell, Pedro Bestard, a l\u2019Ar\u00e0bia que ha provocat la seva abs\u00e8ncia del ple d\u2019avui.\u00a0\u00a0 \u00a0<\/a><\/h3>\n\t\t\t<\/header>\n\t\t<\/div>\n\t\t<div class=\"post-content\">\n\t\t\t<a href=\"https:\/\/www.psib-psoe.org\/mallorca\/els-socialistes-exigeixen-saber-el-cost-del-viatge-del-vicepresident-del-consell-pedro-bestard-a-larabia-que-ha-provocat-la-seva-absencia-del-ple-davui\/\" class=\"more-link\">Read More<\/a>\n\t\t<\/div>\n\t\t\t<aside class=\"post-bottom-meta hide\">\n\t\t<strong rel=\"author\" itemprop=\"author\" class=\"author vcard\"><span class=\"fn\">Albert<\/span><\/strong>\n\t\t<time class=\"date published time\" datetime=\"2025-01-09T19:21:53+02:00\" itemprop=\"datePublished\" content=\"2025-01-09T19:21:53+02:00\">09\/01\/2025<\/time>\n\t\t<meta itemprop=\"dateModified\" class=\"date updated\" content=\"2025-01-09T19:21:54+02:00\">\n\t\t<span class=\"hide\" itemprop=\"publisher\" itemscope itemtype=\"https:\/\/schema.org\/Organization\">\n\t\t\t<meta itemprop=\"name\" content=\"SocialistesdMca\">\n\t\t\t<span itemprop=\"logo\" itemscope itemtype=\"https:\/\/schema.org\/ImageObject\">\n\t\t\t\t<meta itemprop=\"url\" content=\"https:\/\/www.psib-psoe.org\/mallorca\/wp-content\/themes\/notio-wp\/assets\/img\/logo.png\">\n\t\t\t<\/span>\n\t\t\t<meta itemprop=\"url\" content=\"https:\/\/www.psib-psoe.org\/mallorca\/\">\n\t\t<\/span>\n\t\t\t\t<span class=\"hide\" itemprop=\"image\" itemscope itemtype=\"http:\/\/schema.org\/ImageObject\">\n\t\t\t<meta itemprop=\"url\" content=\"https:\/\/www.psib-psoe.org\/mallorca\/wp-content\/uploads\/ple-090125-scaled.jpeg\">\n\t\t\t<meta itemprop=\"width\" content=\"2560\">\n\t\t\t<meta itemprop=\"height\" content=\"1920\">\n\t\t<\/span>\n\t\t\t\t<meta itemscope itemprop=\"mainEntityOfPage\" itemtype=\"https:\/\/schema.org\/WebPage\" itemid=\"https:\/\/www.psib-psoe.org\/mallorca\/els-socialistes-exigeixen-saber-el-cost-del-viatge-del-vicepresident-del-consell-pedro-bestard-a-larabia-que-ha-provocat-la-seva-absencia-del-ple-davui\/\">\n\t<\/aside>\n\t\t<\/article>\n<\/div>\n<div class=\"small-12 large-4 columns\">\n\t<article itemscope itemtype=\"http:\/\/schema.org\/Article\" class=\"post blog-style7 alt post-29341 type-post status-publish format-standard has-post-thumbnail hentry category-federacio-de-mallorca category-federacio-de-mallorca-portada category-municipis category-portada tag-catalina-cladera tag-federacio-socialista-de-mallorca tag-javier-de-juan tag-juana-m-adrover tag-psib-psoe tag-sofia-alonso\" role=\"article\">\n\t\t<figure class=\"post-gallery\"><img loading=\"lazy\" decoding=\"async\" width=\"600\" height=\"400\" src=\"https:\/\/www.psib-psoe.org\/mallorca\/wp-content\/uploads\/Rdp-080125-600x400.jpeg\" class=\"attachment-notio-general-x2 size-notio-general-x2 wp-post-image\" alt=\"\" srcset=\"https:\/\/www.psib-psoe.org\/mallorca\/wp-content\/uploads\/Rdp-080125-600x400.jpeg 600w, https:\/\/www.psib-psoe.org\/mallorca\/wp-content\/uploads\/Rdp-080125-300x200.jpeg 300w, https:\/\/www.psib-psoe.org\/mallorca\/wp-content\/uploads\/Rdp-080125-900x600.jpeg 900w, https:\/\/www.psib-psoe.org\/mallorca\/wp-content\/uploads\/Rdp-080125-20x13.jpeg 20w\" sizes=\"(max-width: 600px) 100vw, 600px\" \/><\/figure>\n\t\t<div class=\"blog-top\">\n\t\t\t<header class=\"post-title entry-header\">\n\t\t\t\t<aside class=\"post-meta cf\">\n\t\t08\/01\/2025 \/ <a href=\"https:\/\/www.psib-psoe.org\/mallorca\/category\/federacio-de-mallorca\/\" rel=\"category tag\">Federaci\u00f3 de Mallorca<\/a>, <a href=\"https:\/\/www.psib-psoe.org\/mallorca\/category\/federacio-de-mallorca-portada\/\" rel=\"category tag\">Federaci\u00f3 de Mallorca - Portada<\/a>, <a href=\"https:\/\/www.psib-psoe.org\/mallorca\/category\/municipis\/\" rel=\"category tag\">Municipis<\/a>, <a href=\"https:\/\/www.psib-psoe.org\/mallorca\/category\/portada\/\" rel=\"category tag\">Portada<\/a><\/aside>\n\t\t\t\t<h3 itemprop=\"headline\"><a href=\"https:\/\/www.psib-psoe.org\/mallorca\/els-socialistes-exigeixen-la-millora-del-clima-democratic-la-imparcialitat-i-el-respecte-al-consell-de-mallorca\/\" title=\"Els Socialistes exigeixen la millora del clima democr\u00e0tic, la imparcialitat i el respecte al Consell de Mallorca.\u00a0\u00a0 \u00a0\">Els Socialistes exigeixen la millora del clima democr\u00e0tic, la imparcialitat i el respecte al Consell de Mallorca.\u00a0\u00a0 \u00a0<\/a><\/h3>\n\t\t\t<\/header>\n\t\t<\/div>\n\t\t<div class=\"post-content\">\n\t\t\t<a href=\"https:\/\/www.psib-psoe.org\/mallorca\/els-socialistes-exigeixen-la-millora-del-clima-democratic-la-imparcialitat-i-el-respecte-al-consell-de-mallorca\/\" class=\"more-link\">Read More<\/a>\n\t\t<\/div>\n\t\t\t<aside class=\"post-bottom-meta hide\">\n\t\t<strong rel=\"author\" itemprop=\"author\" class=\"author vcard\"><span class=\"fn\">Albert<\/span><\/strong>\n\t\t<time class=\"date published time\" datetime=\"2025-01-08T14:38:59+02:00\" itemprop=\"datePublished\" content=\"2025-01-08T14:38:59+02:00\">08\/01\/2025<\/time>\n\t\t<meta itemprop=\"dateModified\" class=\"date updated\" content=\"2025-01-08T14:39:00+02:00\">\n\t\t<span class=\"hide\" itemprop=\"publisher\" itemscope itemtype=\"https:\/\/schema.org\/Organization\">\n\t\t\t<meta itemprop=\"name\" content=\"SocialistesdMca\">\n\t\t\t<span itemprop=\"logo\" itemscope itemtype=\"https:\/\/schema.org\/ImageObject\">\n\t\t\t\t<meta itemprop=\"url\" content=\"https:\/\/www.psib-psoe.org\/mallorca\/wp-content\/themes\/notio-wp\/assets\/img\/logo.png\">\n\t\t\t<\/span>\n\t\t\t<meta itemprop=\"url\" content=\"https:\/\/www.psib-psoe.org\/mallorca\/\">\n\t\t<\/span>\n\t\t\t\t<span class=\"hide\" itemprop=\"image\" itemscope itemtype=\"http:\/\/schema.org\/ImageObject\">\n\t\t\t<meta itemprop=\"url\" content=\"https:\/\/www.psib-psoe.org\/mallorca\/wp-content\/uploads\/Rdp-080125.jpeg\">\n\t\t\t<meta itemprop=\"width\" content=\"2560\">\n\t\t\t<meta itemprop=\"height\" content=\"1949\">\n\t\t<\/span>\n\t\t\t\t<meta itemscope itemprop=\"mainEntityOfPage\" itemtype=\"https:\/\/schema.org\/WebPage\" itemid=\"https:\/\/www.psib-psoe.org\/mallorca\/els-socialistes-exigeixen-la-millora-del-clima-democratic-la-imparcialitat-i-el-respecte-al-consell-de-mallorca\/\">\n\t<\/aside>\n\t\t<\/article>\n<\/div>\n<div class=\"small-12 large-4 columns\">\n\t<article itemscope itemtype=\"http:\/\/schema.org\/Article\" class=\"post blog-style7 alt post-29336 type-post status-publish format-standard has-post-thumbnail hentry category-federacio-de-mallorca category-federacio-de-mallorca-portada category-municipis category-portada tag-agrupacio-socialista-de-llucmajor tag-antonia-sastre tag-catalina-cladera tag-federacio-socialista-de-mallorca tag-jaume-j-oliver tag-javier-de-juan tag-pep-lluis-urraca tag-psib-psoe tag-santa-eugenia\" role=\"article\">\n\t\t<figure class=\"post-gallery\"><img loading=\"lazy\" decoding=\"async\" width=\"600\" height=\"400\" src=\"https:\/\/www.psib-psoe.org\/mallorca\/wp-content\/uploads\/020125_-RECLAMACIO-SAID-600x400.jpg\" class=\"attachment-notio-general-x2 size-notio-general-x2 wp-post-image\" alt=\"\" srcset=\"https:\/\/www.psib-psoe.org\/mallorca\/wp-content\/uploads\/020125_-RECLAMACIO-SAID-600x400.jpg 600w, https:\/\/www.psib-psoe.org\/mallorca\/wp-content\/uploads\/020125_-RECLAMACIO-SAID-300x200.jpg 300w, https:\/\/www.psib-psoe.org\/mallorca\/wp-content\/uploads\/020125_-RECLAMACIO-SAID-900x600.jpg 900w, https:\/\/www.psib-psoe.org\/mallorca\/wp-content\/uploads\/020125_-RECLAMACIO-SAID-20x13.jpg 20w\" sizes=\"(max-width: 600px) 100vw, 600px\" \/><\/figure>\n\t\t<div class=\"blog-top\">\n\t\t\t<header class=\"post-title entry-header\">\n\t\t\t\t<aside class=\"post-meta cf\">\n\t\t02\/01\/2025 \/ <a href=\"https:\/\/www.psib-psoe.org\/mallorca\/category\/federacio-de-mallorca\/\" rel=\"category tag\">Federaci\u00f3 de Mallorca<\/a>, <a href=\"https:\/\/www.psib-psoe.org\/mallorca\/category\/federacio-de-mallorca-portada\/\" rel=\"category tag\">Federaci\u00f3 de Mallorca - Portada<\/a>, <a href=\"https:\/\/www.psib-psoe.org\/mallorca\/category\/municipis\/\" rel=\"category tag\">Municipis<\/a>, <a href=\"https:\/\/www.psib-psoe.org\/mallorca\/category\/portada\/\" rel=\"category tag\">Portada<\/a><\/aside>\n\t\t\t\t<h3 itemprop=\"headline\"><a href=\"https:\/\/www.psib-psoe.org\/mallorca\/els-socialistes-de-mallorca-reclamen-al-govern-balear-i-al-consell-de-mallorca-una-major-implicacio-i-inversio-amb-el-servei-datencio-integral-a-domicili-dels-municipis-del-pla-de-mallorca\/\" title=\"Els socialistes de Mallorca reclamen al Govern Balear i al Consell de Mallorca una major implicaci\u00f3 i inversi\u00f3 amb el Servei d\u2019Atenci\u00f3 Integral a Domicili dels municipis del Pla de Mallorca\u00a0\u00a0 \u00a0\">Els socialistes de Mallorca reclamen al Govern Balear i al Consell de Mallorca una major implicaci\u00f3 i inversi\u00f3 amb el Servei d\u2019Atenci\u00f3 Integral a Domicili dels municipis del Pla de Mallorca\u00a0\u00a0 \u00a0<\/a><\/h3>\n\t\t\t<\/header>\n\t\t<\/div>\n\t\t<div class=\"post-content\">\n\t\t\t<a href=\"https:\/\/www.psib-psoe.org\/mallorca\/els-socialistes-de-mallorca-reclamen-al-govern-balear-i-al-consell-de-mallorca-una-major-implicacio-i-inversio-amb-el-servei-datencio-integral-a-domicili-dels-municipis-del-pla-de-mallorca\/\" class=\"more-link\">Read More<\/a>\n\t\t<\/div>\n\t\t\t<aside class=\"post-bottom-meta hide\">\n\t\t<strong rel=\"author\" itemprop=\"author\" class=\"author vcard\"><span class=\"fn\">Socialistes de Mallorca<\/span><\/strong>\n\t\t<time class=\"date published time\" datetime=\"2025-01-02T18:25:31+02:00\" itemprop=\"datePublished\" content=\"2025-01-02T18:25:31+02:00\">02\/01\/2025<\/time>\n\t\t<meta itemprop=\"dateModified\" class=\"date updated\" content=\"2025-01-02T18:29:20+02:00\">\n\t\t<span class=\"hide\" itemprop=\"publisher\" itemscope itemtype=\"https:\/\/schema.org\/Organization\">\n\t\t\t<meta itemprop=\"name\" content=\"SocialistesdMca\">\n\t\t\t<span itemprop=\"logo\" itemscope itemtype=\"https:\/\/schema.org\/ImageObject\">\n\t\t\t\t<meta itemprop=\"url\" content=\"https:\/\/www.psib-psoe.org\/mallorca\/wp-content\/themes\/notio-wp\/assets\/img\/logo.png\">\n\t\t\t<\/span>\n\t\t\t<meta itemprop=\"url\" content=\"https:\/\/www.psib-psoe.org\/mallorca\/\">\n\t\t<\/span>\n\t\t\t\t<span class=\"hide\" itemprop=\"image\" itemscope itemtype=\"http:\/\/schema.org\/ImageObject\">\n\t\t\t<meta itemprop=\"url\" content=\"https:\/\/www.psib-psoe.org\/mallorca\/wp-content\/uploads\/020125_-RECLAMACIO-SAID-scaled.jpg\">\n\t\t\t<meta itemprop=\"width\" content=\"2560\">\n\t\t\t<meta itemprop=\"height\" content=\"1920\">\n\t\t<\/span>\n\t\t\t\t<meta itemscope itemprop=\"mainEntityOfPage\" itemtype=\"https:\/\/schema.org\/WebPage\" itemid=\"https:\/\/www.psib-psoe.org\/mallorca\/els-socialistes-de-mallorca-reclamen-al-govern-balear-i-al-consell-de-mallorca-una-major-implicacio-i-inversio-amb-el-servei-datencio-integral-a-domicili-dels-municipis-del-pla-de-mallorca\/\">\n\t<\/aside>\n\t\t<\/article>\n<\/div>\n<div class=\"small-12 large-4 columns\">\n\t<article itemscope itemtype=\"http:\/\/schema.org\/Article\" class=\"post blog-style7 alt post-29332 type-post status-publish format-standard has-post-thumbnail hentry category-federacio-de-mallorca category-federacio-de-mallorca-portada category-municipis category-portada tag-agrupacio-socialista-de-llucmajor tag-antonia-sastre tag-catalina-cladera tag-federacio-socialista-de-mallorca tag-jaume-j-oliver tag-javier-de-juan tag-psib-psoe\" role=\"article\">\n\t\t<figure class=\"post-gallery\"><img loading=\"lazy\" decoding=\"async\" width=\"600\" height=\"400\" src=\"https:\/\/www.psib-psoe.org\/mallorca\/wp-content\/uploads\/Pla-Llucmajor-desembre-24-600x400.jpeg\" class=\"attachment-notio-general-x2 size-notio-general-x2 wp-post-image\" alt=\"\" srcset=\"https:\/\/www.psib-psoe.org\/mallorca\/wp-content\/uploads\/Pla-Llucmajor-desembre-24-600x400.jpeg 600w, https:\/\/www.psib-psoe.org\/mallorca\/wp-content\/uploads\/Pla-Llucmajor-desembre-24-300x200.jpeg 300w, https:\/\/www.psib-psoe.org\/mallorca\/wp-content\/uploads\/Pla-Llucmajor-desembre-24-900x600.jpeg 900w, https:\/\/www.psib-psoe.org\/mallorca\/wp-content\/uploads\/Pla-Llucmajor-desembre-24-20x13.jpeg 20w\" sizes=\"(max-width: 600px) 100vw, 600px\" \/><\/figure>\n\t\t<div class=\"blog-top\">\n\t\t\t<header class=\"post-title entry-header\">\n\t\t\t\t<aside class=\"post-meta cf\">\n\t\t24\/12\/2024 \/ <a href=\"https:\/\/www.psib-psoe.org\/mallorca\/category\/federacio-de-mallorca\/\" rel=\"category tag\">Federaci\u00f3 de Mallorca<\/a>, <a href=\"https:\/\/www.psib-psoe.org\/mallorca\/category\/federacio-de-mallorca-portada\/\" rel=\"category tag\">Federaci\u00f3 de Mallorca - Portada<\/a>, <a href=\"https:\/\/www.psib-psoe.org\/mallorca\/category\/municipis\/\" rel=\"category tag\">Municipis<\/a>, <a href=\"https:\/\/www.psib-psoe.org\/mallorca\/category\/portada\/\" rel=\"category tag\">Portada<\/a><\/aside>\n\t\t\t\t<h3 itemprop=\"headline\"><a href=\"https:\/\/www.psib-psoe.org\/mallorca\/lajuntament-de-llucmajor-a-proposta-del-psoe-demana-mantenir-la-gratuitat-dels-busos-de-lemt-a-lajuntament-de-palma\/\" title=\"L\u2019Ajuntament de Llucmajor, a proposta del PSOE, demana mantenir la gratu\u00eftat dels busos de l\u2019EMT a l\u2019Ajuntament de Palma.\u00a0\u00a0\u00a0\u00a0\u00a0\u00a0 \u00a0\u00a0\u00a0 \u00a0\">L\u2019Ajuntament de Llucmajor, a proposta del PSOE, demana mantenir la gratu\u00eftat dels busos de l\u2019EMT a l\u2019Ajuntament de Palma.\u00a0\u00a0\u00a0\u00a0\u00a0\u00a0 \u00a0\u00a0\u00a0 \u00a0<\/a><\/h3>\n\t\t\t<\/header>\n\t\t<\/div>\n\t\t<div class=\"post-content\">\n\t\t\t<a href=\"https:\/\/www.psib-psoe.org\/mallorca\/lajuntament-de-llucmajor-a-proposta-del-psoe-demana-mantenir-la-gratuitat-dels-busos-de-lemt-a-lajuntament-de-palma\/\" class=\"more-link\">Read More<\/a>\n\t\t<\/div>\n\t\t\t<aside class=\"post-bottom-meta hide\">\n\t\t<strong rel=\"author\" itemprop=\"author\" class=\"author vcard\"><span class=\"fn\">Albert<\/span><\/strong>\n\t\t<time class=\"date published time\" datetime=\"2024-12-24T14:19:52+02:00\" itemprop=\"datePublished\" content=\"2024-12-24T14:19:52+02:00\">24\/12\/2024<\/time>\n\t\t<meta itemprop=\"dateModified\" class=\"date updated\" content=\"2024-12-24T14:19:54+02:00\">\n\t\t<span class=\"hide\" itemprop=\"publisher\" itemscope itemtype=\"https:\/\/schema.org\/Organization\">\n\t\t\t<meta itemprop=\"name\" content=\"SocialistesdMca\">\n\t\t\t<span itemprop=\"logo\" itemscope itemtype=\"https:\/\/schema.org\/ImageObject\">\n\t\t\t\t<meta itemprop=\"url\" content=\"https:\/\/www.psib-psoe.org\/mallorca\/wp-content\/themes\/notio-wp\/assets\/img\/logo.png\">\n\t\t\t<\/span>\n\t\t\t<meta itemprop=\"url\" content=\"https:\/\/www.psib-psoe.org\/mallorca\/\">\n\t\t<\/span>\n\t\t\t\t<span class=\"hide\" itemprop=\"image\" itemscope itemtype=\"http:\/\/schema.org\/ImageObject\">\n\t\t\t<meta itemprop=\"url\" content=\"https:\/\/www.psib-psoe.org\/mallorca\/wp-content\/uploads\/Pla-Llucmajor-desembre-24.jpeg\">\n\t\t\t<meta itemprop=\"width\" content=\"1536\">\n\t\t\t<meta itemprop=\"height\" content=\"2048\">\n\t\t<\/span>\n\t\t\t\t<meta itemscope itemprop=\"mainEntityOfPage\" itemtype=\"https:\/\/schema.org\/WebPage\" itemid=\"https:\/\/www.psib-psoe.org\/mallorca\/lajuntament-de-llucmajor-a-proposta-del-psoe-demana-mantenir-la-gratuitat-dels-busos-de-lemt-a-lajuntament-de-palma\/\">\n\t<\/aside>\n\t\t<\/article>\n<\/div>\n<div class=\"small-12 large-4 columns\">\n\t<article itemscope itemtype=\"http:\/\/schema.org\/Article\" class=\"post blog-style7 alt post-29327 type-post status-publish format-standard has-post-thumbnail hentry category-federacio-de-mallorca category-federacio-de-mallorca-portada category-municipis category-portada tag-catalina-cladera tag-federacio-socialista-de-mallorca tag-javier-de-juan tag-juana-m-adrover tag-psib-psoe\" role=\"article\">\n\t\t<figure class=\"post-gallery\"><img loading=\"lazy\" decoding=\"async\" width=\"600\" height=\"400\" src=\"https:\/\/www.psib-psoe.org\/mallorca\/wp-content\/uploads\/241224-Ple-MC-Tirme-600x400.jpeg\" class=\"attachment-notio-general-x2 size-notio-general-x2 wp-post-image\" alt=\"\" srcset=\"https:\/\/www.psib-psoe.org\/mallorca\/wp-content\/uploads\/241224-Ple-MC-Tirme-600x400.jpeg 600w, https:\/\/www.psib-psoe.org\/mallorca\/wp-content\/uploads\/241224-Ple-MC-Tirme-300x200.jpeg 300w, https:\/\/www.psib-psoe.org\/mallorca\/wp-content\/uploads\/241224-Ple-MC-Tirme-900x600.jpeg 900w, https:\/\/www.psib-psoe.org\/mallorca\/wp-content\/uploads\/241224-Ple-MC-Tirme-20x13.jpeg 20w\" sizes=\"(max-width: 600px) 100vw, 600px\" \/><\/figure>\n\t\t<div class=\"blog-top\">\n\t\t\t<header class=\"post-title entry-header\">\n\t\t\t\t<aside class=\"post-meta cf\">\n\t\t24\/12\/2024 \/ <a href=\"https:\/\/www.psib-psoe.org\/mallorca\/category\/federacio-de-mallorca\/\" rel=\"category tag\">Federaci\u00f3 de Mallorca<\/a>, <a href=\"https:\/\/www.psib-psoe.org\/mallorca\/category\/federacio-de-mallorca-portada\/\" rel=\"category tag\">Federaci\u00f3 de Mallorca - Portada<\/a>, <a href=\"https:\/\/www.psib-psoe.org\/mallorca\/category\/municipis\/\" rel=\"category tag\">Municipis<\/a>, <a href=\"https:\/\/www.psib-psoe.org\/mallorca\/category\/portada\/\" rel=\"category tag\">Portada<\/a><\/aside>\n\t\t\t\t<h3 itemprop=\"headline\"><a href=\"https:\/\/www.psib-psoe.org\/mallorca\/el-grup-socialista-denuncia-el-malbaratament-de-recursos-publics-de-galmes-al-consell-per-destinar-subvencions-de-62-milions-deuros-a-tirme-sense-negociacio\/\" title=\"El Grup Socialista denuncia el \u201cmalbaratament de recursos p\u00fablics de Galm\u00e9s al Consell\u201d, per destinar subvencions de 62 milions d\u2019euros a TIRME sense negociaci\u00f3. \u00a0\u00a0\u00a0\u00a0\u00a0\u00a0 \u00a0\u00a0\u00a0 \u00a0\">El Grup Socialista denuncia el \u201cmalbaratament de recursos p\u00fablics de Galm\u00e9s al Consell\u201d, per destinar subvencions de 62 milions d\u2019euros a TIRME sense negociaci\u00f3. \u00a0\u00a0\u00a0\u00a0\u00a0\u00a0 \u00a0\u00a0\u00a0 \u00a0<\/a><\/h3>\n\t\t\t<\/header>\n\t\t<\/div>\n\t\t<div class=\"post-content\">\n\t\t\t<a href=\"https:\/\/www.psib-psoe.org\/mallorca\/el-grup-socialista-denuncia-el-malbaratament-de-recursos-publics-de-galmes-al-consell-per-destinar-subvencions-de-62-milions-deuros-a-tirme-sense-negociacio\/\" class=\"more-link\">Read More<\/a>\n\t\t<\/div>\n\t\t\t<aside class=\"post-bottom-meta hide\">\n\t\t<strong rel=\"author\" itemprop=\"author\" class=\"author vcard\"><span class=\"fn\">Albert<\/span><\/strong>\n\t\t<time class=\"date published time\" datetime=\"2024-12-24T13:37:21+02:00\" itemprop=\"datePublished\" content=\"2024-12-24T13:37:21+02:00\">24\/12\/2024<\/time>\n\t\t<meta itemprop=\"dateModified\" class=\"date updated\" content=\"2024-12-24T13:37:23+02:00\">\n\t\t<span class=\"hide\" itemprop=\"publisher\" itemscope itemtype=\"https:\/\/schema.org\/Organization\">\n\t\t\t<meta itemprop=\"name\" content=\"SocialistesdMca\">\n\t\t\t<span itemprop=\"logo\" itemscope itemtype=\"https:\/\/schema.org\/ImageObject\">\n\t\t\t\t<meta itemprop=\"url\" content=\"https:\/\/www.psib-psoe.org\/mallorca\/wp-content\/themes\/notio-wp\/assets\/img\/logo.png\">\n\t\t\t<\/span>\n\t\t\t<meta itemprop=\"url\" content=\"https:\/\/www.psib-psoe.org\/mallorca\/\">\n\t\t<\/span>\n\t\t\t\t<span class=\"hide\" itemprop=\"image\" itemscope itemtype=\"http:\/\/schema.org\/ImageObject\">\n\t\t\t<meta itemprop=\"url\" content=\"https:\/\/www.psib-psoe.org\/mallorca\/wp-content\/uploads\/241224-Ple-MC-Tirme-scaled.jpeg\">\n\t\t\t<meta itemprop=\"width\" content=\"2560\">\n\t\t\t<meta itemprop=\"height\" content=\"1920\">\n\t\t<\/span>\n\t\t\t\t<meta itemscope itemprop=\"mainEntityOfPage\" itemtype=\"https:\/\/schema.org\/WebPage\" itemid=\"https:\/\/www.psib-psoe.org\/mallorca\/el-grup-socialista-denuncia-el-malbaratament-de-recursos-publics-de-galmes-al-consell-per-destinar-subvencions-de-62-milions-deuros-a-tirme-sense-negociacio\/\">\n\t<\/aside>\n\t\t<\/article>\n<\/div>\n<div class=\"small-12 large-4 columns\">\n\t<article itemscope itemtype=\"http:\/\/schema.org\/Article\" class=\"post blog-style7 alt post-29323 type-post status-publish format-standard has-post-thumbnail hentry category-federacio-de-mallorca category-federacio-de-mallorca-portada category-municipis category-portada tag-agrupacio-socialista-de-son-servera tag-antonia-sastre tag-catalina-cladera tag-federacio-socialista-de-mallorca tag-javier-de-juan tag-jose-luis-ruiz tag-psib-psoe tag-reme-canadas\" role=\"article\">\n\t\t<figure class=\"post-gallery\"><img loading=\"lazy\" decoding=\"async\" width=\"600\" height=\"400\" src=\"https:\/\/www.psib-psoe.org\/mallorca\/wp-content\/uploads\/Regidors-Son-Servera-2024-600x400.jpeg\" class=\"attachment-notio-general-x2 size-notio-general-x2 wp-post-image\" alt=\"\" srcset=\"https:\/\/www.psib-psoe.org\/mallorca\/wp-content\/uploads\/Regidors-Son-Servera-2024-600x400.jpeg 600w, https:\/\/www.psib-psoe.org\/mallorca\/wp-content\/uploads\/Regidors-Son-Servera-2024-300x200.jpeg 300w, https:\/\/www.psib-psoe.org\/mallorca\/wp-content\/uploads\/Regidors-Son-Servera-2024-900x600.jpeg 900w, https:\/\/www.psib-psoe.org\/mallorca\/wp-content\/uploads\/Regidors-Son-Servera-2024-20x13.jpeg 20w\" sizes=\"(max-width: 600px) 100vw, 600px\" \/><\/figure>\n\t\t<div class=\"blog-top\">\n\t\t\t<header class=\"post-title entry-header\">\n\t\t\t\t<aside class=\"post-meta cf\">\n\t\t23\/12\/2024 \/ <a href=\"https:\/\/www.psib-psoe.org\/mallorca\/category\/federacio-de-mallorca\/\" rel=\"category tag\">Federaci\u00f3 de Mallorca<\/a>, <a href=\"https:\/\/www.psib-psoe.org\/mallorca\/category\/federacio-de-mallorca-portada\/\" rel=\"category tag\">Federaci\u00f3 de Mallorca - Portada<\/a>, <a href=\"https:\/\/www.psib-psoe.org\/mallorca\/category\/municipis\/\" rel=\"category tag\">Municipis<\/a>, <a href=\"https:\/\/www.psib-psoe.org\/mallorca\/category\/portada\/\" rel=\"category tag\">Portada<\/a><\/aside>\n\t\t\t\t<h3 itemprop=\"headline\"><a href=\"https:\/\/www.psib-psoe.org\/mallorca\/els-socialistes-de-son-servera-exigeixen-lajuntament-que-no-tanqui-per-vacances-loficina-datencio-al-ciutada-de-cala-millor\/\" title=\"Els Socialistes de Son Servera exigeixen l\u2019Ajuntament que no tanqui per vacances l\u2019Oficina d\u2019Atenci\u00f3 al Ciutad\u00e0 de Cala Millor.\u00a0\u00a0\u00a0\u00a0\u00a0 \u00a0\u00a0\u00a0 \u00a0\">Els Socialistes de Son Servera exigeixen l\u2019Ajuntament que no tanqui per vacances l\u2019Oficina d\u2019Atenci\u00f3 al Ciutad\u00e0 de Cala Millor.\u00a0\u00a0\u00a0\u00a0\u00a0 \u00a0\u00a0\u00a0 \u00a0<\/a><\/h3>\n\t\t\t<\/header>\n\t\t<\/div>\n\t\t<div class=\"post-content\">\n\t\t\t<a href=\"https:\/\/www.psib-psoe.org\/mallorca\/els-socialistes-de-son-servera-exigeixen-lajuntament-que-no-tanqui-per-vacances-loficina-datencio-al-ciutada-de-cala-millor\/\" class=\"more-link\">Read More<\/a>\n\t\t<\/div>\n\t\t\t<aside class=\"post-bottom-meta hide\">\n\t\t<strong rel=\"author\" itemprop=\"author\" class=\"author vcard\"><span class=\"fn\">Albert<\/span><\/strong>\n\t\t<time class=\"date published time\" datetime=\"2024-12-23T10:34:40+02:00\" itemprop=\"datePublished\" content=\"2024-12-23T10:34:40+02:00\">23\/12\/2024<\/time>\n\t\t<meta itemprop=\"dateModified\" class=\"date updated\" content=\"2024-12-23T10:34:41+02:00\">\n\t\t<span class=\"hide\" itemprop=\"publisher\" itemscope itemtype=\"https:\/\/schema.org\/Organization\">\n\t\t\t<meta itemprop=\"name\" content=\"SocialistesdMca\">\n\t\t\t<span itemprop=\"logo\" itemscope itemtype=\"https:\/\/schema.org\/ImageObject\">\n\t\t\t\t<meta itemprop=\"url\" content=\"https:\/\/www.psib-psoe.org\/mallorca\/wp-content\/themes\/notio-wp\/assets\/img\/logo.png\">\n\t\t\t<\/span>\n\t\t\t<meta itemprop=\"url\" content=\"https:\/\/www.psib-psoe.org\/mallorca\/\">\n\t\t<\/span>\n\t\t\t\t<span class=\"hide\" itemprop=\"image\" itemscope itemtype=\"http:\/\/schema.org\/ImageObject\">\n\t\t\t<meta itemprop=\"url\" content=\"https:\/\/www.psib-psoe.org\/mallorca\/wp-content\/uploads\/Regidors-Son-Servera-2024.jpeg\">\n\t\t\t<meta itemprop=\"width\" content=\"1200\">\n\t\t\t<meta itemprop=\"height\" content=\"1013\">\n\t\t<\/span>\n\t\t\t\t<meta itemscope itemprop=\"mainEntityOfPage\" itemtype=\"https:\/\/schema.org\/WebPage\" itemid=\"https:\/\/www.psib-psoe.org\/mallorca\/els-socialistes-de-son-servera-exigeixen-lajuntament-que-no-tanqui-per-vacances-loficina-datencio-al-ciutada-de-cala-millor\/\">\n\t<\/aside>\n\t\t<\/article>\n<\/div>\n<div class=\"small-12 large-4 columns\">\n\t<article itemscope itemtype=\"http:\/\/schema.org\/Article\" class=\"post blog-style7 alt post-29320 type-post status-publish format-standard has-post-thumbnail hentry category-federacio-de-mallorca category-federacio-de-mallorca-portada category-municipis category-portada tag-antonia-sastre tag-catalina-cladera tag-federacio-socialista-de-mallorca tag-javier-de-juan tag-marc-bonet tag-maria-gracia-gonzalez tag-mercedes-garrido tag-psib-psoe tag-xisco-duarte\" role=\"article\">\n\t\t<figure class=\"post-gallery\"><img loading=\"lazy\" decoding=\"async\" width=\"600\" height=\"400\" src=\"https:\/\/www.psib-psoe.org\/mallorca\/wp-content\/uploads\/Assemblea-Felanitx-2-600x400.jpeg\" class=\"attachment-notio-general-x2 size-notio-general-x2 wp-post-image\" alt=\"\" srcset=\"https:\/\/www.psib-psoe.org\/mallorca\/wp-content\/uploads\/Assemblea-Felanitx-2-600x400.jpeg 600w, https:\/\/www.psib-psoe.org\/mallorca\/wp-content\/uploads\/Assemblea-Felanitx-2-300x200.jpeg 300w, https:\/\/www.psib-psoe.org\/mallorca\/wp-content\/uploads\/Assemblea-Felanitx-2-900x600.jpeg 900w, https:\/\/www.psib-psoe.org\/mallorca\/wp-content\/uploads\/Assemblea-Felanitx-2-20x13.jpeg 20w\" sizes=\"(max-width: 600px) 100vw, 600px\" \/><\/figure>\n\t\t<div class=\"blog-top\">\n\t\t\t<header class=\"post-title entry-header\">\n\t\t\t\t<aside class=\"post-meta cf\">\n\t\t20\/12\/2024 \/ <a href=\"https:\/\/www.psib-psoe.org\/mallorca\/category\/federacio-de-mallorca\/\" rel=\"category tag\">Federaci\u00f3 de Mallorca<\/a>, <a href=\"https:\/\/www.psib-psoe.org\/mallorca\/category\/federacio-de-mallorca-portada\/\" rel=\"category tag\">Federaci\u00f3 de Mallorca - Portada<\/a>, <a href=\"https:\/\/www.psib-psoe.org\/mallorca\/category\/municipis\/\" rel=\"category tag\">Municipis<\/a>, <a href=\"https:\/\/www.psib-psoe.org\/mallorca\/category\/portada\/\" rel=\"category tag\">Portada<\/a><\/aside>\n\t\t\t\t<h3 itemprop=\"headline\"><a href=\"https:\/\/www.psib-psoe.org\/mallorca\/marc-bonet-i-maria-gracia-gonzalez-nous-regidors-socialistes-a-lajuntament-de-felanitx\/\" title=\"Marc Bonet i Maria Gracia Gonz\u00e1lez, nous regidors socialistes a l\u2019Ajuntament de Felanitx.\u00a0\u00a0\u00a0\u00a0 \u00a0\u00a0\u00a0 \u00a0\">Marc Bonet i Maria Gracia Gonz\u00e1lez, nous regidors socialistes a l\u2019Ajuntament de Felanitx.\u00a0\u00a0\u00a0\u00a0 \u00a0\u00a0\u00a0 \u00a0<\/a><\/h3>\n\t\t\t<\/header>\n\t\t<\/div>\n\t\t<div class=\"post-content\">\n\t\t\t<a href=\"https:\/\/www.psib-psoe.org\/mallorca\/marc-bonet-i-maria-gracia-gonzalez-nous-regidors-socialistes-a-lajuntament-de-felanitx\/\" class=\"more-link\">Read More<\/a>\n\t\t<\/div>\n\t\t\t<aside class=\"post-bottom-meta hide\">\n\t\t<strong rel=\"author\" itemprop=\"author\" class=\"author vcard\"><span class=\"fn\">Albert<\/span><\/strong>\n\t\t<time class=\"date published time\" datetime=\"2024-12-20T12:03:22+02:00\" itemprop=\"datePublished\" content=\"2024-12-20T12:03:22+02:00\">20\/12\/2024<\/time>\n\t\t<meta itemprop=\"dateModified\" class=\"date updated\" content=\"2024-12-20T12:03:24+02:00\">\n\t\t<span class=\"hide\" itemprop=\"publisher\" itemscope itemtype=\"https:\/\/schema.org\/Organization\">\n\t\t\t<meta itemprop=\"name\" content=\"SocialistesdMca\">\n\t\t\t<span itemprop=\"logo\" itemscope itemtype=\"https:\/\/schema.org\/ImageObject\">\n\t\t\t\t<meta itemprop=\"url\" content=\"https:\/\/www.psib-psoe.org\/mallorca\/wp-content\/themes\/notio-wp\/assets\/img\/logo.png\">\n\t\t\t<\/span>\n\t\t\t<meta itemprop=\"url\" content=\"https:\/\/www.psib-psoe.org\/mallorca\/\">\n\t\t<\/span>\n\t\t\t\t<span class=\"hide\" itemprop=\"image\" itemscope itemtype=\"http:\/\/schema.org\/ImageObject\">\n\t\t\t<meta itemprop=\"url\" content=\"https:\/\/www.psib-psoe.org\/mallorca\/wp-content\/uploads\/Assemblea-Felanitx-2.jpeg\">\n\t\t\t<meta itemprop=\"width\" content=\"1536\">\n\t\t\t<meta itemprop=\"height\" content=\"2048\">\n\t\t<\/span>\n\t\t\t\t<meta itemscope itemprop=\"mainEntityOfPage\" itemtype=\"https:\/\/schema.org\/WebPage\" itemid=\"https:\/\/www.psib-psoe.org\/mallorca\/marc-bonet-i-maria-gracia-gonzalez-nous-regidors-socialistes-a-lajuntament-de-felanitx\/\">\n\t<\/aside>\n\t\t<\/article>\n<\/div>\n<div class=\"small-12 large-4 columns\">\n\t<article itemscope itemtype=\"http:\/\/schema.org\/Article\" class=\"post blog-style7 alt post-29316 type-post status-publish format-standard has-post-thumbnail hentry category-federacio-de-mallorca category-federacio-de-mallorca-portada category-municipis category-portada tag-andreu-serra tag-bea-gamundi tag-catalina-cladera tag-federacio-socialista-de-mallorca tag-gabriel-alomar tag-javier-de-juan tag-joan-ferrer tag-juana-m-adrover tag-maria-antonia-truyols tag-psib-psoe tag-sofia-alonso\" role=\"article\">\n\t\t<figure class=\"post-gallery\"><img loading=\"lazy\" decoding=\"async\" width=\"600\" height=\"400\" src=\"https:\/\/www.psib-psoe.org\/mallorca\/wp-content\/uploads\/Rdp-Mes-PSIB-191224-600x400.jpeg\" class=\"attachment-notio-general-x2 size-notio-general-x2 wp-post-image\" alt=\"\" srcset=\"https:\/\/www.psib-psoe.org\/mallorca\/wp-content\/uploads\/Rdp-Mes-PSIB-191224-600x400.jpeg 600w, https:\/\/www.psib-psoe.org\/mallorca\/wp-content\/uploads\/Rdp-Mes-PSIB-191224-300x200.jpeg 300w, https:\/\/www.psib-psoe.org\/mallorca\/wp-content\/uploads\/Rdp-Mes-PSIB-191224-20x13.jpeg 20w, https:\/\/www.psib-psoe.org\/mallorca\/wp-content\/uploads\/Rdp-Mes-PSIB-191224-900x600.jpeg 900w\" sizes=\"(max-width: 600px) 100vw, 600px\" \/><\/figure>\n\t\t<div class=\"blog-top\">\n\t\t\t<header class=\"post-title entry-header\">\n\t\t\t\t<aside class=\"post-meta cf\">\n\t\t19\/12\/2024 \/ <a href=\"https:\/\/www.psib-psoe.org\/mallorca\/category\/federacio-de-mallorca\/\" rel=\"category tag\">Federaci\u00f3 de Mallorca<\/a>, <a href=\"https:\/\/www.psib-psoe.org\/mallorca\/category\/federacio-de-mallorca-portada\/\" rel=\"category tag\">Federaci\u00f3 de Mallorca - Portada<\/a>, <a href=\"https:\/\/www.psib-psoe.org\/mallorca\/category\/municipis\/\" rel=\"category tag\">Municipis<\/a>, <a href=\"https:\/\/www.psib-psoe.org\/mallorca\/category\/portada\/\" rel=\"category tag\">Portada<\/a><\/aside>\n\t\t\t\t<h3 itemprop=\"headline\"><a href=\"https:\/\/www.psib-psoe.org\/mallorca\/psib-i-mes-impugnaran-la-subvencio-del-consell-a-tirme-per-incomplir-la-llei-i-malbaratar-els-recursos-publics\/\" title=\"PSIB I M\u00c9S impugnaran la subvenci\u00f3 del Consell a Tirme per incomplir la llei i malbaratar els recursos p\u00fablics\u00a0\u00a0\u00a0 \u00a0\u00a0\u00a0 \u00a0\">PSIB I M\u00c9S impugnaran la subvenci\u00f3 del Consell a Tirme per incomplir la llei i malbaratar els recursos p\u00fablics\u00a0\u00a0\u00a0 \u00a0\u00a0\u00a0 \u00a0<\/a><\/h3>\n\t\t\t<\/header>\n\t\t<\/div>\n\t\t<div class=\"post-content\">\n\t\t\t<a href=\"https:\/\/www.psib-psoe.org\/mallorca\/psib-i-mes-impugnaran-la-subvencio-del-consell-a-tirme-per-incomplir-la-llei-i-malbaratar-els-recursos-publics\/\" class=\"more-link\">Read More<\/a>\n\t\t<\/div>\n\t\t\t<aside class=\"post-bottom-meta hide\">\n\t\t<strong rel=\"author\" itemprop=\"author\" class=\"author vcard\"><span class=\"fn\">Albert<\/span><\/strong>\n\t\t<time class=\"date published time\" datetime=\"2024-12-19T14:30:37+02:00\" itemprop=\"datePublished\" content=\"2024-12-19T14:30:37+02:00\">19\/12\/2024<\/time>\n\t\t<meta itemprop=\"dateModified\" class=\"date updated\" content=\"2024-12-19T14:30:38+02:00\">\n\t\t<span class=\"hide\" itemprop=\"publisher\" itemscope itemtype=\"https:\/\/schema.org\/Organization\">\n\t\t\t<meta itemprop=\"name\" content=\"SocialistesdMca\">\n\t\t\t<span itemprop=\"logo\" itemscope itemtype=\"https:\/\/schema.org\/ImageObject\">\n\t\t\t\t<meta itemprop=\"url\" content=\"https:\/\/www.psib-psoe.org\/mallorca\/wp-content\/themes\/notio-wp\/assets\/img\/logo.png\">\n\t\t\t<\/span>\n\t\t\t<meta itemprop=\"url\" content=\"https:\/\/www.psib-psoe.org\/mallorca\/\">\n\t\t<\/span>\n\t\t\t\t<span class=\"hide\" itemprop=\"image\" itemscope itemtype=\"http:\/\/schema.org\/ImageObject\">\n\t\t\t<meta itemprop=\"url\" content=\"https:\/\/www.psib-psoe.org\/mallorca\/wp-content\/uploads\/Rdp-Mes-PSIB-191224.jpeg\">\n\t\t\t<meta itemprop=\"width\" content=\"1600\">\n\t\t\t<meta itemprop=\"height\" content=\"1027\">\n\t\t<\/span>\n\t\t\t\t<meta itemscope itemprop=\"mainEntityOfPage\" itemtype=\"https:\/\/schema.org\/WebPage\" itemid=\"https:\/\/www.psib-psoe.org\/mallorca\/psib-i-mes-impugnaran-la-subvencio-del-consell-a-tirme-per-incomplir-la-llei-i-malbaratar-els-recursos-publics\/\">\n\t<\/aside>\n\t\t<\/article>\n<\/div>\n<div class=\"small-12 large-4 columns\">\n\t<article itemscope itemtype=\"http:\/\/schema.org\/Article\" class=\"post blog-style7 alt post-29312 type-post status-publish format-standard has-post-thumbnail hentry category-federacio-de-mallorca category-federacio-de-mallorca-portada category-municipis category-portada tag-andreu-serra tag-bea-gamundi tag-catalina-cladera tag-federacio-socialista-de-mallorca tag-gabriel-alomar tag-javier-de-juan tag-joan-ferrer tag-juana-m-adrover tag-maria-antonia-truyols tag-psib-psoe tag-sofia-alonso\" role=\"article\">\n\t\t<figure class=\"post-gallery\"><img loading=\"lazy\" decoding=\"async\" width=\"600\" height=\"400\" src=\"https:\/\/www.psib-psoe.org\/mallorca\/wp-content\/uploads\/Catalina-Cladera-ple-pressupostos-181224-2-600x400.jpeg\" class=\"attachment-notio-general-x2 size-notio-general-x2 wp-post-image\" alt=\"\" srcset=\"https:\/\/www.psib-psoe.org\/mallorca\/wp-content\/uploads\/Catalina-Cladera-ple-pressupostos-181224-2-600x400.jpeg 600w, https:\/\/www.psib-psoe.org\/mallorca\/wp-content\/uploads\/Catalina-Cladera-ple-pressupostos-181224-2-300x200.jpeg 300w, https:\/\/www.psib-psoe.org\/mallorca\/wp-content\/uploads\/Catalina-Cladera-ple-pressupostos-181224-2-900x600.jpeg 900w, https:\/\/www.psib-psoe.org\/mallorca\/wp-content\/uploads\/Catalina-Cladera-ple-pressupostos-181224-2-20x13.jpeg 20w\" sizes=\"(max-width: 600px) 100vw, 600px\" \/><\/figure>\n\t\t<div class=\"blog-top\">\n\t\t\t<header class=\"post-title entry-header\">\n\t\t\t\t<aside class=\"post-meta cf\">\n\t\t19\/12\/2024 \/ <a href=\"https:\/\/www.psib-psoe.org\/mallorca\/category\/federacio-de-mallorca\/\" rel=\"category tag\">Federaci\u00f3 de Mallorca<\/a>, <a href=\"https:\/\/www.psib-psoe.org\/mallorca\/category\/federacio-de-mallorca-portada\/\" rel=\"category tag\">Federaci\u00f3 de Mallorca - Portada<\/a>, <a href=\"https:\/\/www.psib-psoe.org\/mallorca\/category\/municipis\/\" rel=\"category tag\">Municipis<\/a>, <a href=\"https:\/\/www.psib-psoe.org\/mallorca\/category\/portada\/\" rel=\"category tag\">Portada<\/a><\/aside>\n\t\t\t\t<h3 itemprop=\"headline\"><a href=\"https:\/\/www.psib-psoe.org\/mallorca\/el-consell-de-mallorca-ppvox-aprova-definitivament-uns-pressupostos-de-2025-sense-tenir-en-compte-com-els-afecta-la-prorroga-dels-comptes-de-la-caib\/\" title=\"El Consell de Mallorca PPVox aprova definitivament uns pressupostos de 2025 sense tenir en compte com els afecta la pr\u00f2rroga dels comptes de la CAIB.\u00a0\u00a0 \u00a0\u00a0\u00a0 \u00a0\">El Consell de Mallorca PPVox aprova definitivament uns pressupostos de 2025 sense tenir en compte com els afecta la pr\u00f2rroga dels comptes de la CAIB.\u00a0\u00a0 \u00a0\u00a0\u00a0 \u00a0<\/a><\/h3>\n\t\t\t<\/header>\n\t\t<\/div>\n\t\t<div class=\"post-content\">\n\t\t\t<a href=\"https:\/\/www.psib-psoe.org\/mallorca\/el-consell-de-mallorca-ppvox-aprova-definitivament-uns-pressupostos-de-2025-sense-tenir-en-compte-com-els-afecta-la-prorroga-dels-comptes-de-la-caib\/\" class=\"more-link\">Read More<\/a>\n\t\t<\/div>\n\t\t\t<aside class=\"post-bottom-meta hide\">\n\t\t<strong rel=\"author\" itemprop=\"author\" class=\"author vcard\"><span class=\"fn\">Albert<\/span><\/strong>\n\t\t<time class=\"date published time\" datetime=\"2024-12-19T00:08:26+02:00\" itemprop=\"datePublished\" content=\"2024-12-19T00:08:26+02:00\">19\/12\/2024<\/time>\n\t\t<meta itemprop=\"dateModified\" class=\"date updated\" content=\"2024-12-19T00:08:27+02:00\">\n\t\t<span class=\"hide\" itemprop=\"publisher\" itemscope itemtype=\"https:\/\/schema.org\/Organization\">\n\t\t\t<meta itemprop=\"name\" content=\"SocialistesdMca\">\n\t\t\t<span itemprop=\"logo\" itemscope itemtype=\"https:\/\/schema.org\/ImageObject\">\n\t\t\t\t<meta itemprop=\"url\" content=\"https:\/\/www.psib-psoe.org\/mallorca\/wp-content\/themes\/notio-wp\/assets\/img\/logo.png\">\n\t\t\t<\/span>\n\t\t\t<meta itemprop=\"url\" content=\"https:\/\/www.psib-psoe.org\/mallorca\/\">\n\t\t<\/span>\n\t\t\t\t<span class=\"hide\" itemprop=\"image\" itemscope itemtype=\"http:\/\/schema.org\/ImageObject\">\n\t\t\t<meta itemprop=\"url\" content=\"https:\/\/www.psib-psoe.org\/mallorca\/wp-content\/uploads\/Catalina-Cladera-ple-pressupostos-181224-2-scaled.jpeg\">\n\t\t\t<meta itemprop=\"width\" content=\"2560\">\n\t\t\t<meta itemprop=\"height\" content=\"1920\">\n\t\t<\/span>\n\t\t\t\t<meta itemscope itemprop=\"mainEntityOfPage\" itemtype=\"https:\/\/schema.org\/WebPage\" itemid=\"https:\/\/www.psib-psoe.org\/mallorca\/el-consell-de-mallorca-ppvox-aprova-definitivament-uns-pressupostos-de-2025-sense-tenir-en-compte-com-els-afecta-la-prorroga-dels-comptes-de-la-caib\/\">\n\t<\/aside>\n\t\t<\/article>\n<\/div>\n<div class=\"small-12 large-4 columns\">\n\t<article itemscope itemtype=\"http:\/\/schema.org\/Article\" class=\"post blog-style7 alt post-29307 type-post status-publish format-standard has-post-thumbnail hentry category-federacio-de-mallorca category-federacio-de-mallorca-portada category-municipis category-portada tag-antonia-sastre-2 tag-catalina-cladera tag-federacio-socialista-de-mallorca tag-guillem-ensenyat tag-per-estellencs tag-psib-psoe\" role=\"article\">\n\t\t<figure class=\"post-gallery\"><img loading=\"lazy\" decoding=\"async\" width=\"200\" height=\"179\" src=\"https:\/\/www.psib-psoe.org\/mallorca\/wp-content\/uploads\/Per-Estellencs-1.jpg\" class=\"attachment-notio-general-x2 size-notio-general-x2 wp-post-image\" alt=\"\" srcset=\"https:\/\/www.psib-psoe.org\/mallorca\/wp-content\/uploads\/Per-Estellencs-1.jpg 200w, https:\/\/www.psib-psoe.org\/mallorca\/wp-content\/uploads\/Per-Estellencs-1-20x18.jpg 20w, https:\/\/www.psib-psoe.org\/mallorca\/wp-content\/uploads\/Per-Estellencs-1-150x134.jpg 150w\" sizes=\"(max-width: 200px) 100vw, 200px\" \/><\/figure>\n\t\t<div class=\"blog-top\">\n\t\t\t<header class=\"post-title entry-header\">\n\t\t\t\t<aside class=\"post-meta cf\">\n\t\t16\/12\/2024 \/ <a href=\"https:\/\/www.psib-psoe.org\/mallorca\/category\/federacio-de-mallorca\/\" rel=\"category tag\">Federaci\u00f3 de Mallorca<\/a>, <a href=\"https:\/\/www.psib-psoe.org\/mallorca\/category\/federacio-de-mallorca-portada\/\" rel=\"category tag\">Federaci\u00f3 de Mallorca - Portada<\/a>, <a href=\"https:\/\/www.psib-psoe.org\/mallorca\/category\/municipis\/\" rel=\"category tag\">Municipis<\/a>, <a href=\"https:\/\/www.psib-psoe.org\/mallorca\/category\/portada\/\" rel=\"category tag\">Portada<\/a><\/aside>\n\t\t\t\t<h3 itemprop=\"headline\"><a href=\"https:\/\/www.psib-psoe.org\/mallorca\/la-coalicio-per-estellencs-porta-les-factures-extrajudicials-de-lajuntament-davant-del-consell-de-transparencia-i-bon-govern-de-lestat\/\" title=\"La coalici\u00f3 \u2018Per Estellencs\u2019 porta les factures extrajudicials de l\u2019Ajuntament davant del Consell de Transpar\u00e8ncia i Bon Govern de l\u2019Estat. \u00a0\u00a0\u00a0 \u00a0\">La coalici\u00f3 \u2018Per Estellencs\u2019 porta les factures extrajudicials de l\u2019Ajuntament davant del Consell de Transpar\u00e8ncia i Bon Govern de l\u2019Estat. \u00a0\u00a0\u00a0 \u00a0<\/a><\/h3>\n\t\t\t<\/header>\n\t\t<\/div>\n\t\t<div class=\"post-content\">\n\t\t\t<a href=\"https:\/\/www.psib-psoe.org\/mallorca\/la-coalicio-per-estellencs-porta-les-factures-extrajudicials-de-lajuntament-davant-del-consell-de-transparencia-i-bon-govern-de-lestat\/\" class=\"more-link\">Read More<\/a>\n\t\t<\/div>\n\t\t\t<aside class=\"post-bottom-meta hide\">\n\t\t<strong rel=\"author\" itemprop=\"author\" class=\"author vcard\"><span class=\"fn\">Albert<\/span><\/strong>\n\t\t<time class=\"date published time\" datetime=\"2024-12-16T12:25:38+02:00\" itemprop=\"datePublished\" content=\"2024-12-16T12:25:38+02:00\">16\/12\/2024<\/time>\n\t\t<meta itemprop=\"dateModified\" class=\"date updated\" content=\"2024-12-16T12:25:39+02:00\">\n\t\t<span class=\"hide\" itemprop=\"publisher\" itemscope itemtype=\"https:\/\/schema.org\/Organization\">\n\t\t\t<meta itemprop=\"name\" content=\"SocialistesdMca\">\n\t\t\t<span itemprop=\"logo\" itemscope itemtype=\"https:\/\/schema.org\/ImageObject\">\n\t\t\t\t<meta itemprop=\"url\" content=\"https:\/\/www.psib-psoe.org\/mallorca\/wp-content\/themes\/notio-wp\/assets\/img\/logo.png\">\n\t\t\t<\/span>\n\t\t\t<meta itemprop=\"url\" content=\"https:\/\/www.psib-psoe.org\/mallorca\/\">\n\t\t<\/span>\n\t\t\t\t<span class=\"hide\" itemprop=\"image\" itemscope itemtype=\"http:\/\/schema.org\/ImageObject\">\n\t\t\t<meta itemprop=\"url\" content=\"https:\/\/www.psib-psoe.org\/mallorca\/wp-content\/uploads\/Per-Estellencs-1.jpg\">\n\t\t\t<meta itemprop=\"width\" content=\"200\">\n\t\t\t<meta itemprop=\"height\" content=\"179\">\n\t\t<\/span>\n\t\t\t\t<meta itemscope itemprop=\"mainEntityOfPage\" itemtype=\"https:\/\/schema.org\/WebPage\" itemid=\"https:\/\/www.psib-psoe.org\/mallorca\/la-coalicio-per-estellencs-porta-les-factures-extrajudicials-de-lajuntament-davant-del-consell-de-transparencia-i-bon-govern-de-lestat\/\">\n\t<\/aside>\n\t\t<\/article>\n<\/div>\n<div class=\"small-12 large-4 columns\">\n\t<article itemscope itemtype=\"http:\/\/schema.org\/Article\" class=\"post blog-style7 alt post-29301 type-post status-publish format-standard has-post-thumbnail hentry category-federacio-de-mallorca category-federacio-de-mallorca-portada category-municipis category-portada tag-catalina-cladera tag-federacio-socialista-de-mallorca tag-javier-de-juan tag-joan-ferrer tag-juana-m-adrover tag-psib-psoe\" role=\"article\">\n\t\t<figure class=\"post-gallery\"><img loading=\"lazy\" decoding=\"async\" width=\"600\" height=\"400\" src=\"https:\/\/www.psib-psoe.org\/mallorca\/wp-content\/uploads\/131224-Foto-Cati-canutazo-600x400.jpeg\" class=\"attachment-notio-general-x2 size-notio-general-x2 wp-post-image\" alt=\"\" srcset=\"https:\/\/www.psib-psoe.org\/mallorca\/wp-content\/uploads\/131224-Foto-Cati-canutazo-600x400.jpeg 600w, https:\/\/www.psib-psoe.org\/mallorca\/wp-content\/uploads\/131224-Foto-Cati-canutazo-300x200.jpeg 300w, https:\/\/www.psib-psoe.org\/mallorca\/wp-content\/uploads\/131224-Foto-Cati-canutazo-900x600.jpeg 900w, https:\/\/www.psib-psoe.org\/mallorca\/wp-content\/uploads\/131224-Foto-Cati-canutazo-20x13.jpeg 20w\" sizes=\"(max-width: 600px) 100vw, 600px\" \/><\/figure>\n\t\t<div class=\"blog-top\">\n\t\t\t<header class=\"post-title entry-header\">\n\t\t\t\t<aside class=\"post-meta cf\">\n\t\t13\/12\/2024 \/ <a href=\"https:\/\/www.psib-psoe.org\/mallorca\/category\/federacio-de-mallorca\/\" rel=\"category tag\">Federaci\u00f3 de Mallorca<\/a>, <a href=\"https:\/\/www.psib-psoe.org\/mallorca\/category\/federacio-de-mallorca-portada\/\" rel=\"category tag\">Federaci\u00f3 de Mallorca - Portada<\/a>, <a href=\"https:\/\/www.psib-psoe.org\/mallorca\/category\/municipis\/\" rel=\"category tag\">Municipis<\/a>, <a href=\"https:\/\/www.psib-psoe.org\/mallorca\/category\/portada\/\" rel=\"category tag\">Portada<\/a><\/aside>\n\t\t\t\t<h3 itemprop=\"headline\"><a href=\"https:\/\/www.psib-psoe.org\/mallorca\/cladera-reclam-valentia-a-galmes-per-rompre-amb-vox-igual-que-ha-fet-prohens\/\" title=\"Cladera: \u201creclam valentia a Galm\u00e9s per rompre amb Vox igual que ha fet Prohens\u201d.\u00a0\u00a0 \u00a0\">Cladera: \u201creclam valentia a Galm\u00e9s per rompre amb Vox igual que ha fet Prohens\u201d.\u00a0\u00a0 \u00a0<\/a><\/h3>\n\t\t\t<\/header>\n\t\t<\/div>\n\t\t<div class=\"post-content\">\n\t\t\t<a href=\"https:\/\/www.psib-psoe.org\/mallorca\/cladera-reclam-valentia-a-galmes-per-rompre-amb-vox-igual-que-ha-fet-prohens\/\" class=\"more-link\">Read More<\/a>\n\t\t<\/div>\n\t\t\t<aside class=\"post-bottom-meta hide\">\n\t\t<strong rel=\"author\" itemprop=\"author\" class=\"author vcard\"><span class=\"fn\">Albert<\/span><\/strong>\n\t\t<time class=\"date published time\" datetime=\"2024-12-13T16:46:36+02:00\" itemprop=\"datePublished\" content=\"2024-12-13T16:46:36+02:00\">13\/12\/2024<\/time>\n\t\t<meta itemprop=\"dateModified\" class=\"date updated\" content=\"2024-12-13T16:46:37+02:00\">\n\t\t<span class=\"hide\" itemprop=\"publisher\" itemscope itemtype=\"https:\/\/schema.org\/Organization\">\n\t\t\t<meta itemprop=\"name\" content=\"SocialistesdMca\">\n\t\t\t<span itemprop=\"logo\" itemscope itemtype=\"https:\/\/schema.org\/ImageObject\">\n\t\t\t\t<meta itemprop=\"url\" content=\"https:\/\/www.psib-psoe.org\/mallorca\/wp-content\/themes\/notio-wp\/assets\/img\/logo.png\">\n\t\t\t<\/span>\n\t\t\t<meta itemprop=\"url\" content=\"https:\/\/www.psib-psoe.org\/mallorca\/\">\n\t\t<\/span>\n\t\t\t\t<span class=\"hide\" itemprop=\"image\" itemscope itemtype=\"http:\/\/schema.org\/ImageObject\">\n\t\t\t<meta itemprop=\"url\" content=\"https:\/\/www.psib-psoe.org\/mallorca\/wp-content\/uploads\/131224-Foto-Cati-canutazo.jpeg\">\n\t\t\t<meta itemprop=\"width\" content=\"2048\">\n\t\t\t<meta itemprop=\"height\" content=\"1536\">\n\t\t<\/span>\n\t\t\t\t<meta itemscope itemprop=\"mainEntityOfPage\" itemtype=\"https:\/\/schema.org\/WebPage\" itemid=\"https:\/\/www.psib-psoe.org\/mallorca\/cladera-reclam-valentia-a-galmes-per-rompre-amb-vox-igual-que-ha-fet-prohens\/\">\n\t<\/aside>\n\t\t<\/article>\n<\/div>\n<div class=\"small-12 large-4 columns\">\n\t<article itemscope itemtype=\"http:\/\/schema.org\/Article\" class=\"post blog-style7 alt post-29296 type-post status-publish format-standard has-post-thumbnail hentry category-federacio-de-mallorca category-federacio-de-mallorca-portada category-municipis category-portada tag-alfonso-rodriguez tag-catalina-cladera tag-cosme-bonet tag-federacio-socialista-de-mallorca tag-francina-armengol tag-iago-negueruela tag-javier-de-juan tag-joan-ferrer tag-juana-m-adrover tag-mercedes-garrido tag-psib-psoe\" role=\"article\">\n\t\t<figure class=\"post-gallery\"><img loading=\"lazy\" decoding=\"async\" width=\"600\" height=\"400\" src=\"https:\/\/www.psib-psoe.org\/mallorca\/wp-content\/uploads\/FullSizeRender-7-600x400.jpg\" class=\"attachment-notio-general-x2 size-notio-general-x2 wp-post-image\" alt=\"\" srcset=\"https:\/\/www.psib-psoe.org\/mallorca\/wp-content\/uploads\/FullSizeRender-7-600x400.jpg 600w, https:\/\/www.psib-psoe.org\/mallorca\/wp-content\/uploads\/FullSizeRender-7-300x200.jpg 300w, https:\/\/www.psib-psoe.org\/mallorca\/wp-content\/uploads\/FullSizeRender-7-900x600.jpg 900w, https:\/\/www.psib-psoe.org\/mallorca\/wp-content\/uploads\/FullSizeRender-7-20x13.jpg 20w\" sizes=\"(max-width: 600px) 100vw, 600px\" \/><\/figure>\n\t\t<div class=\"blog-top\">\n\t\t\t<header class=\"post-title entry-header\">\n\t\t\t\t<aside class=\"post-meta cf\">\n\t\t12\/12\/2024 \/ <a href=\"https:\/\/www.psib-psoe.org\/mallorca\/category\/federacio-de-mallorca\/\" rel=\"category tag\">Federaci\u00f3 de Mallorca<\/a>, <a href=\"https:\/\/www.psib-psoe.org\/mallorca\/category\/federacio-de-mallorca-portada\/\" rel=\"category tag\">Federaci\u00f3 de Mallorca - Portada<\/a>, <a href=\"https:\/\/www.psib-psoe.org\/mallorca\/category\/municipis\/\" rel=\"category tag\">Municipis<\/a>, <a href=\"https:\/\/www.psib-psoe.org\/mallorca\/category\/portada\/\" rel=\"category tag\">Portada<\/a><\/aside>\n\t\t\t\t<h3 itemprop=\"headline\"><a href=\"https:\/\/www.psib-psoe.org\/mallorca\/els-socialistes-afronten-2025-com-el-millor-antidot-per-aturar-lonada-dultradreta-i-fer-front-al-pitjor-govern-de-la-historia-de-les-illes-balears\/\" title=\"Els Socialistes afronten 2025 com el millor ant\u00eddot per \u201caturar l\u2019onada d\u2019ultradreta\u201d, i fer front al \u201cpitjor govern de la hist\u00f2ria de les Illes Balears\u201d. \u00a0\">Els Socialistes afronten 2025 com el millor ant\u00eddot per \u201caturar l\u2019onada d\u2019ultradreta\u201d, i fer front al \u201cpitjor govern de la hist\u00f2ria de les Illes Balears\u201d. \u00a0<\/a><\/h3>\n\t\t\t<\/header>\n\t\t<\/div>\n\t\t<div class=\"post-content\">\n\t\t\t<a href=\"https:\/\/www.psib-psoe.org\/mallorca\/els-socialistes-afronten-2025-com-el-millor-antidot-per-aturar-lonada-dultradreta-i-fer-front-al-pitjor-govern-de-la-historia-de-les-illes-balears\/\" class=\"more-link\">Read More<\/a>\n\t\t<\/div>\n\t\t\t<aside class=\"post-bottom-meta hide\">\n\t\t<strong rel=\"author\" itemprop=\"author\" class=\"author vcard\"><span class=\"fn\">Albert<\/span><\/strong>\n\t\t<time class=\"date published time\" datetime=\"2024-12-12T23:38:25+02:00\" itemprop=\"datePublished\" content=\"2024-12-12T23:38:25+02:00\">12\/12\/2024<\/time>\n\t\t<meta itemprop=\"dateModified\" class=\"date updated\" content=\"2024-12-12T23:38:26+02:00\">\n\t\t<span class=\"hide\" itemprop=\"publisher\" itemscope itemtype=\"https:\/\/schema.org\/Organization\">\n\t\t\t<meta itemprop=\"name\" content=\"SocialistesdMca\">\n\t\t\t<span itemprop=\"logo\" itemscope itemtype=\"https:\/\/schema.org\/ImageObject\">\n\t\t\t\t<meta itemprop=\"url\" content=\"https:\/\/www.psib-psoe.org\/mallorca\/wp-content\/themes\/notio-wp\/assets\/img\/logo.png\">\n\t\t\t<\/span>\n\t\t\t<meta itemprop=\"url\" content=\"https:\/\/www.psib-psoe.org\/mallorca\/\">\n\t\t<\/span>\n\t\t\t\t<span class=\"hide\" itemprop=\"image\" itemscope itemtype=\"http:\/\/schema.org\/ImageObject\">\n\t\t\t<meta itemprop=\"url\" content=\"https:\/\/www.psib-psoe.org\/mallorca\/wp-content\/uploads\/FullSizeRender-7-scaled.jpg\">\n\t\t\t<meta itemprop=\"width\" content=\"2560\">\n\t\t\t<meta itemprop=\"height\" content=\"1398\">\n\t\t<\/span>\n\t\t\t\t<meta itemscope itemprop=\"mainEntityOfPage\" itemtype=\"https:\/\/schema.org\/WebPage\" itemid=\"https:\/\/www.psib-psoe.org\/mallorca\/els-socialistes-afronten-2025-com-el-millor-antidot-per-aturar-lonada-dultradreta-i-fer-front-al-pitjor-govern-de-la-historia-de-les-illes-balears\/\">\n\t<\/aside>\n\t\t<\/article>\n<\/div>\n<div class=\"small-12 large-4 columns\">\n\t<article itemscope itemtype=\"http:\/\/schema.org\/Article\" class=\"post blog-style7 alt post-29292 type-post status-publish format-standard has-post-thumbnail hentry category-federacio-de-mallorca category-federacio-de-mallorca-portada category-municipis category-portada tag-andreu-serra tag-bea-gamundi tag-catalina-cladera tag-federacio-socialista-de-mallorca tag-javier-de-juan tag-joan-ferrer tag-juana-m-adrover tag-maria-antonia-truyols tag-psib-psoe tag-sofia-alonso\" role=\"article\">\n\t\t<figure class=\"post-gallery\"><img loading=\"lazy\" decoding=\"async\" width=\"600\" height=\"400\" src=\"https:\/\/www.psib-psoe.org\/mallorca\/wp-content\/uploads\/Ple-121224-600x400.jpeg\" class=\"attachment-notio-general-x2 size-notio-general-x2 wp-post-image\" alt=\"\" srcset=\"https:\/\/www.psib-psoe.org\/mallorca\/wp-content\/uploads\/Ple-121224-600x400.jpeg 600w, https:\/\/www.psib-psoe.org\/mallorca\/wp-content\/uploads\/Ple-121224-300x200.jpeg 300w, https:\/\/www.psib-psoe.org\/mallorca\/wp-content\/uploads\/Ple-121224-900x600.jpeg 900w, https:\/\/www.psib-psoe.org\/mallorca\/wp-content\/uploads\/Ple-121224-20x13.jpeg 20w\" sizes=\"(max-width: 600px) 100vw, 600px\" \/><\/figure>\n\t\t<div class=\"blog-top\">\n\t\t\t<header class=\"post-title entry-header\">\n\t\t\t\t<aside class=\"post-meta cf\">\n\t\t12\/12\/2024 \/ <a href=\"https:\/\/www.psib-psoe.org\/mallorca\/category\/federacio-de-mallorca\/\" rel=\"category tag\">Federaci\u00f3 de Mallorca<\/a>, <a href=\"https:\/\/www.psib-psoe.org\/mallorca\/category\/federacio-de-mallorca-portada\/\" rel=\"category tag\">Federaci\u00f3 de Mallorca - Portada<\/a>, <a href=\"https:\/\/www.psib-psoe.org\/mallorca\/category\/municipis\/\" rel=\"category tag\">Municipis<\/a>, <a href=\"https:\/\/www.psib-psoe.org\/mallorca\/category\/portada\/\" rel=\"category tag\">Portada<\/a><\/aside>\n\t\t\t\t<h3 itemprop=\"headline\"><a href=\"https:\/\/www.psib-psoe.org\/mallorca\/ppvox-vota-en-contra-de-les-conclusions-de-lestudi-de-carrega-per-la-millora-de-la-mobilitat-presentat-recentment-per-galmes-i-rubio\/\" title=\"PPVox vota en contra de les conclusions de l\u2019Estudi de C\u00e0rrega per la millora de la mobilitat presentat recentment per Galm\u00e9s\u00a0i Rubio. \u00a0\">PPVox vota en contra de les conclusions de l\u2019Estudi de C\u00e0rrega per la millora de la mobilitat presentat recentment per Galm\u00e9s\u00a0i Rubio. \u00a0<\/a><\/h3>\n\t\t\t<\/header>\n\t\t<\/div>\n\t\t<div class=\"post-content\">\n\t\t\t<a href=\"https:\/\/www.psib-psoe.org\/mallorca\/ppvox-vota-en-contra-de-les-conclusions-de-lestudi-de-carrega-per-la-millora-de-la-mobilitat-presentat-recentment-per-galmes-i-rubio\/\" class=\"more-link\">Read More<\/a>\n\t\t<\/div>\n\t\t\t<aside class=\"post-bottom-meta hide\">\n\t\t<strong rel=\"author\" itemprop=\"author\" class=\"author vcard\"><span class=\"fn\">Albert<\/span><\/strong>\n\t\t<time class=\"date published time\" datetime=\"2024-12-12T19:02:13+02:00\" itemprop=\"datePublished\" content=\"2024-12-12T19:02:13+02:00\">12\/12\/2024<\/time>\n\t\t<meta itemprop=\"dateModified\" class=\"date updated\" content=\"2024-12-12T19:02:15+02:00\">\n\t\t<span class=\"hide\" itemprop=\"publisher\" itemscope itemtype=\"https:\/\/schema.org\/Organization\">\n\t\t\t<meta itemprop=\"name\" content=\"SocialistesdMca\">\n\t\t\t<span itemprop=\"logo\" itemscope itemtype=\"https:\/\/schema.org\/ImageObject\">\n\t\t\t\t<meta itemprop=\"url\" content=\"https:\/\/www.psib-psoe.org\/mallorca\/wp-content\/themes\/notio-wp\/assets\/img\/logo.png\">\n\t\t\t<\/span>\n\t\t\t<meta itemprop=\"url\" content=\"https:\/\/www.psib-psoe.org\/mallorca\/\">\n\t\t<\/span>\n\t\t\t\t<span class=\"hide\" itemprop=\"image\" itemscope itemtype=\"http:\/\/schema.org\/ImageObject\">\n\t\t\t<meta itemprop=\"url\" content=\"https:\/\/www.psib-psoe.org\/mallorca\/wp-content\/uploads\/Ple-121224-scaled.jpeg\">\n\t\t\t<meta itemprop=\"width\" content=\"2560\">\n\t\t\t<meta itemprop=\"height\" content=\"1920\">\n\t\t<\/span>\n\t\t\t\t<meta itemscope itemprop=\"mainEntityOfPage\" itemtype=\"https:\/\/schema.org\/WebPage\" itemid=\"https:\/\/www.psib-psoe.org\/mallorca\/ppvox-vota-en-contra-de-les-conclusions-de-lestudi-de-carrega-per-la-millora-de-la-mobilitat-presentat-recentment-per-galmes-i-rubio\/\">\n\t<\/aside>\n\t\t<\/article>\n<\/div>\n<div class=\"small-12 large-4 columns\">\n\t<article itemscope itemtype=\"http:\/\/schema.org\/Article\" class=\"post blog-style7 alt post-29288 type-post status-publish format-standard has-post-thumbnail hentry category-federacio-de-mallorca category-federacio-de-mallorca-portada category-municipis category-portada tag-andreu-serra tag-bea-gamundi tag-catalina-cladera tag-federacio-socialista-de-mallorca tag-javier-de-juan tag-joan-ferrer tag-juana-m-adrover tag-maria-antonia-truyols tag-psib-psoe tag-sofia-alonso\" role=\"article\">\n\t\t<figure class=\"post-gallery\"><img loading=\"lazy\" decoding=\"async\" width=\"600\" height=\"400\" src=\"https:\/\/www.psib-psoe.org\/mallorca\/wp-content\/uploads\/Cladera-ple-121224-600x400.jpeg\" class=\"attachment-notio-general-x2 size-notio-general-x2 wp-post-image\" alt=\"\" srcset=\"https:\/\/www.psib-psoe.org\/mallorca\/wp-content\/uploads\/Cladera-ple-121224-600x400.jpeg 600w, https:\/\/www.psib-psoe.org\/mallorca\/wp-content\/uploads\/Cladera-ple-121224-300x200.jpeg 300w, https:\/\/www.psib-psoe.org\/mallorca\/wp-content\/uploads\/Cladera-ple-121224-20x13.jpeg 20w, https:\/\/www.psib-psoe.org\/mallorca\/wp-content\/uploads\/Cladera-ple-121224-900x600.jpeg 900w\" sizes=\"(max-width: 600px) 100vw, 600px\" \/><\/figure>\n\t\t<div class=\"blog-top\">\n\t\t\t<header class=\"post-title entry-header\">\n\t\t\t\t<aside class=\"post-meta cf\">\n\t\t12\/12\/2024 \/ <a href=\"https:\/\/www.psib-psoe.org\/mallorca\/category\/federacio-de-mallorca\/\" rel=\"category tag\">Federaci\u00f3 de Mallorca<\/a>, <a href=\"https:\/\/www.psib-psoe.org\/mallorca\/category\/federacio-de-mallorca-portada\/\" rel=\"category tag\">Federaci\u00f3 de Mallorca - Portada<\/a>, <a href=\"https:\/\/www.psib-psoe.org\/mallorca\/category\/municipis\/\" rel=\"category tag\">Municipis<\/a>, <a href=\"https:\/\/www.psib-psoe.org\/mallorca\/category\/portada\/\" rel=\"category tag\">Portada<\/a><\/aside>\n\t\t\t\t<h3 itemprop=\"headline\"><a href=\"https:\/\/www.psib-psoe.org\/mallorca\/catalina-cladera-sr-galmes-fara-fora-vox-del-govern-del-consell-o-seguira-amb-aquest-pacte-en-contra-del-que-diuen-els-batles-del-pp-i-la-sra-prohens\/\" title=\"Catalina Cladera: \u201cSr. Galm\u00e9s, far\u00e0 fora VOX del govern del Consell, o seguir\u00e0 amb aquest pacte en contra del qu\u00e8 diuen els batles del PP i la sra. Prohens?\u00a0\">Catalina Cladera: \u201cSr. Galm\u00e9s, far\u00e0 fora VOX del govern del Consell, o seguir\u00e0 amb aquest pacte en contra del qu\u00e8 diuen els batles del PP i la sra. Prohens?\u00a0<\/a><\/h3>\n\t\t\t<\/header>\n\t\t<\/div>\n\t\t<div class=\"post-content\">\n\t\t\t<a href=\"https:\/\/www.psib-psoe.org\/mallorca\/catalina-cladera-sr-galmes-fara-fora-vox-del-govern-del-consell-o-seguira-amb-aquest-pacte-en-contra-del-que-diuen-els-batles-del-pp-i-la-sra-prohens\/\" class=\"more-link\">Read More<\/a>\n\t\t<\/div>\n\t\t\t<aside class=\"post-bottom-meta hide\">\n\t\t<strong rel=\"author\" itemprop=\"author\" class=\"author vcard\"><span class=\"fn\">Albert<\/span><\/strong>\n\t\t<time class=\"date published time\" datetime=\"2024-12-12T15:15:02+02:00\" itemprop=\"datePublished\" content=\"2024-12-12T15:15:02+02:00\">12\/12\/2024<\/time>\n\t\t<meta itemprop=\"dateModified\" class=\"date updated\" content=\"2024-12-12T15:15:04+02:00\">\n\t\t<span class=\"hide\" itemprop=\"publisher\" itemscope itemtype=\"https:\/\/schema.org\/Organization\">\n\t\t\t<meta itemprop=\"name\" content=\"SocialistesdMca\">\n\t\t\t<span itemprop=\"logo\" itemscope itemtype=\"https:\/\/schema.org\/ImageObject\">\n\t\t\t\t<meta itemprop=\"url\" content=\"https:\/\/www.psib-psoe.org\/mallorca\/wp-content\/themes\/notio-wp\/assets\/img\/logo.png\">\n\t\t\t<\/span>\n\t\t\t<meta itemprop=\"url\" content=\"https:\/\/www.psib-psoe.org\/mallorca\/\">\n\t\t<\/span>\n\t\t\t\t<span class=\"hide\" itemprop=\"image\" itemscope itemtype=\"http:\/\/schema.org\/ImageObject\">\n\t\t\t<meta itemprop=\"url\" content=\"https:\/\/www.psib-psoe.org\/mallorca\/wp-content\/uploads\/Cladera-ple-121224-scaled.jpeg\">\n\t\t\t<meta itemprop=\"width\" content=\"2560\">\n\t\t\t<meta itemprop=\"height\" content=\"1580\">\n\t\t<\/span>\n\t\t\t\t<meta itemscope itemprop=\"mainEntityOfPage\" itemtype=\"https:\/\/schema.org\/WebPage\" itemid=\"https:\/\/www.psib-psoe.org\/mallorca\/catalina-cladera-sr-galmes-fara-fora-vox-del-govern-del-consell-o-seguira-amb-aquest-pacte-en-contra-del-que-diuen-els-batles-del-pp-i-la-sra-prohens\/\">\n\t<\/aside>\n\t\t<\/article>\n<\/div>\n<div class=\"small-12 large-4 columns\">\n\t<article itemscope itemtype=\"http:\/\/schema.org\/Article\" class=\"post blog-style7 alt post-29281 type-post status-publish format-standard has-post-thumbnail hentry category-federacio-de-mallorca category-federacio-de-mallorca-portada category-municipis category-portada tag-catalina-cladera tag-federacio-socialista-de-mallorca tag-jaume-mateu tag-palma tag-psib-psoe tag-xisco-dalmau\" role=\"article\">\n\t\t<figure class=\"post-gallery\"><img loading=\"lazy\" decoding=\"async\" width=\"600\" height=\"400\" src=\"https:\/\/www.psib-psoe.org\/mallorca\/wp-content\/uploads\/Rdp-Transport-gratuit-111224-600x400.jpeg\" class=\"attachment-notio-general-x2 size-notio-general-x2 wp-post-image\" alt=\"\" srcset=\"https:\/\/www.psib-psoe.org\/mallorca\/wp-content\/uploads\/Rdp-Transport-gratuit-111224-600x400.jpeg 600w, https:\/\/www.psib-psoe.org\/mallorca\/wp-content\/uploads\/Rdp-Transport-gratuit-111224-300x200.jpeg 300w, https:\/\/www.psib-psoe.org\/mallorca\/wp-content\/uploads\/Rdp-Transport-gratuit-111224-900x600.jpeg 900w, https:\/\/www.psib-psoe.org\/mallorca\/wp-content\/uploads\/Rdp-Transport-gratuit-111224-20x13.jpeg 20w\" sizes=\"(max-width: 600px) 100vw, 600px\" \/><\/figure>\n\t\t<div class=\"blog-top\">\n\t\t\t<header class=\"post-title entry-header\">\n\t\t\t\t<aside class=\"post-meta cf\">\n\t\t11\/12\/2024 \/ <a href=\"https:\/\/www.psib-psoe.org\/mallorca\/category\/federacio-de-mallorca\/\" rel=\"category tag\">Federaci\u00f3 de Mallorca<\/a>, <a href=\"https:\/\/www.psib-psoe.org\/mallorca\/category\/federacio-de-mallorca-portada\/\" rel=\"category tag\">Federaci\u00f3 de Mallorca - Portada<\/a>, <a href=\"https:\/\/www.psib-psoe.org\/mallorca\/category\/municipis\/\" rel=\"category tag\">Municipis<\/a>, <a href=\"https:\/\/www.psib-psoe.org\/mallorca\/category\/portada\/\" rel=\"category tag\">Portada<\/a><\/aside>\n\t\t\t\t<h3 itemprop=\"headline\"><a href=\"https:\/\/www.psib-psoe.org\/mallorca\/el-pp-perdra-10-milions-de-passatgers-al-transport-public-a-mallorca-si-no-mante-la-gratuitat-dels-bitllets-en-2025\/\" title=\"El PP perdr\u00e0 10 milions de passatgers al transport p\u00fablic a Mallorca si no mant\u00e9 la gratu\u00eftat dels bitllets en 2025.\">El PP perdr\u00e0 10 milions de passatgers al transport p\u00fablic a Mallorca si no mant\u00e9 la gratu\u00eftat dels bitllets en 2025.<\/a><\/h3>\n\t\t\t<\/header>\n\t\t<\/div>\n\t\t<div class=\"post-content\">\n\t\t\t<a href=\"https:\/\/www.psib-psoe.org\/mallorca\/el-pp-perdra-10-milions-de-passatgers-al-transport-public-a-mallorca-si-no-mante-la-gratuitat-dels-bitllets-en-2025\/\" class=\"more-link\">Read More<\/a>\n\t\t<\/div>\n\t\t\t<aside class=\"post-bottom-meta hide\">\n\t\t<strong rel=\"author\" itemprop=\"author\" class=\"author vcard\"><span class=\"fn\">Albert<\/span><\/strong>\n\t\t<time class=\"date published time\" datetime=\"2024-12-11T16:47:18+02:00\" itemprop=\"datePublished\" content=\"2024-12-11T16:47:18+02:00\">11\/12\/2024<\/time>\n\t\t<meta itemprop=\"dateModified\" class=\"date updated\" content=\"2024-12-11T16:47:20+02:00\">\n\t\t<span class=\"hide\" itemprop=\"publisher\" itemscope itemtype=\"https:\/\/schema.org\/Organization\">\n\t\t\t<meta itemprop=\"name\" content=\"SocialistesdMca\">\n\t\t\t<span itemprop=\"logo\" itemscope itemtype=\"https:\/\/schema.org\/ImageObject\">\n\t\t\t\t<meta itemprop=\"url\" content=\"https:\/\/www.psib-psoe.org\/mallorca\/wp-content\/themes\/notio-wp\/assets\/img\/logo.png\">\n\t\t\t<\/span>\n\t\t\t<meta itemprop=\"url\" content=\"https:\/\/www.psib-psoe.org\/mallorca\/\">\n\t\t<\/span>\n\t\t\t\t<span class=\"hide\" itemprop=\"image\" itemscope itemtype=\"http:\/\/schema.org\/ImageObject\">\n\t\t\t<meta itemprop=\"url\" content=\"https:\/\/www.psib-psoe.org\/mallorca\/wp-content\/uploads\/Rdp-Transport-gratuit-111224.jpeg\">\n\t\t\t<meta itemprop=\"width\" content=\"2560\">\n\t\t\t<meta itemprop=\"height\" content=\"1920\">\n\t\t<\/span>\n\t\t\t\t<meta itemscope itemprop=\"mainEntityOfPage\" itemtype=\"https:\/\/schema.org\/WebPage\" itemid=\"https:\/\/www.psib-psoe.org\/mallorca\/el-pp-perdra-10-milions-de-passatgers-al-transport-public-a-mallorca-si-no-mante-la-gratuitat-dels-bitllets-en-2025\/\">\n\t<\/aside>\n\t\t<\/article>\n<\/div>\n<div class=\"small-12 large-4 columns\">\n\t<article itemscope itemtype=\"http:\/\/schema.org\/Article\" class=\"post blog-style7 alt post-29278 type-post status-publish format-standard has-post-thumbnail hentry category-federacio-de-mallorca category-federacio-de-mallorca-portada category-municipis category-portada tag-agrupacio-socialista-de-son-servera tag-catalina-cladera tag-federacio-socialista-de-mallorca tag-reme-canadas\" role=\"article\">\n\t\t<figure class=\"post-gallery\"><img loading=\"lazy\" decoding=\"async\" width=\"600\" height=\"400\" src=\"https:\/\/www.psib-psoe.org\/mallorca\/wp-content\/uploads\/Reme-Ca\u00f1adas-Son-Servera-600x400.jpeg\" class=\"attachment-notio-general-x2 size-notio-general-x2 wp-post-image\" alt=\"\" srcset=\"https:\/\/www.psib-psoe.org\/mallorca\/wp-content\/uploads\/Reme-Ca\u00f1adas-Son-Servera-600x400.jpeg 600w, https:\/\/www.psib-psoe.org\/mallorca\/wp-content\/uploads\/Reme-Ca\u00f1adas-Son-Servera-300x200.jpeg 300w, https:\/\/www.psib-psoe.org\/mallorca\/wp-content\/uploads\/Reme-Ca\u00f1adas-Son-Servera-20x13.jpeg 20w\" sizes=\"(max-width: 600px) 100vw, 600px\" \/><\/figure>\n\t\t<div class=\"blog-top\">\n\t\t\t<header class=\"post-title entry-header\">\n\t\t\t\t<aside class=\"post-meta cf\">\n\t\t09\/12\/2024 \/ <a href=\"https:\/\/www.psib-psoe.org\/mallorca\/category\/federacio-de-mallorca\/\" rel=\"category tag\">Federaci\u00f3 de Mallorca<\/a>, <a href=\"https:\/\/www.psib-psoe.org\/mallorca\/category\/federacio-de-mallorca-portada\/\" rel=\"category tag\">Federaci\u00f3 de Mallorca - Portada<\/a>, <a href=\"https:\/\/www.psib-psoe.org\/mallorca\/category\/municipis\/\" rel=\"category tag\">Municipis<\/a>, <a href=\"https:\/\/www.psib-psoe.org\/mallorca\/category\/portada\/\" rel=\"category tag\">Portada<\/a><\/aside>\n\t\t\t\t<h3 itemprop=\"headline\"><a href=\"https:\/\/www.psib-psoe.org\/mallorca\/el-pressupost-de-lajuntament-de-son-servera-per-2025-tuda-recursos-i-no-ofereix-nous-projectes-per-al-municipi\/\" title=\"El pressupost de l\u2019Ajuntament de Son Servera per 2025 tuda recursos i no ofereix nous projectes per al municipi.\u00a0\">El pressupost de l\u2019Ajuntament de Son Servera per 2025 tuda recursos i no ofereix nous projectes per al municipi.\u00a0<\/a><\/h3>\n\t\t\t<\/header>\n\t\t<\/div>\n\t\t<div class=\"post-content\">\n\t\t\t<a href=\"https:\/\/www.psib-psoe.org\/mallorca\/el-pressupost-de-lajuntament-de-son-servera-per-2025-tuda-recursos-i-no-ofereix-nous-projectes-per-al-municipi\/\" class=\"more-link\">Read More<\/a>\n\t\t<\/div>\n\t\t\t<aside class=\"post-bottom-meta hide\">\n\t\t<strong rel=\"author\" itemprop=\"author\" class=\"author vcard\"><span class=\"fn\">Albert<\/span><\/strong>\n\t\t<time class=\"date published time\" datetime=\"2024-12-09T09:00:00+02:00\" itemprop=\"datePublished\" content=\"2024-12-09T09:00:00+02:00\">09\/12\/2024<\/time>\n\t\t<meta itemprop=\"dateModified\" class=\"date updated\" content=\"2024-12-08T21:54:29+02:00\">\n\t\t<span class=\"hide\" itemprop=\"publisher\" itemscope itemtype=\"https:\/\/schema.org\/Organization\">\n\t\t\t<meta itemprop=\"name\" content=\"SocialistesdMca\">\n\t\t\t<span itemprop=\"logo\" itemscope itemtype=\"https:\/\/schema.org\/ImageObject\">\n\t\t\t\t<meta itemprop=\"url\" content=\"https:\/\/www.psib-psoe.org\/mallorca\/wp-content\/themes\/notio-wp\/assets\/img\/logo.png\">\n\t\t\t<\/span>\n\t\t\t<meta itemprop=\"url\" content=\"https:\/\/www.psib-psoe.org\/mallorca\/\">\n\t\t<\/span>\n\t\t\t\t<span class=\"hide\" itemprop=\"image\" itemscope itemtype=\"http:\/\/schema.org\/ImageObject\">\n\t\t\t<meta itemprop=\"url\" content=\"https:\/\/www.psib-psoe.org\/mallorca\/wp-content\/uploads\/Reme-Ca\u00f1adas-Son-Servera.jpeg\">\n\t\t\t<meta itemprop=\"width\" content=\"849\">\n\t\t\t<meta itemprop=\"height\" content=\"1600\">\n\t\t<\/span>\n\t\t\t\t<meta itemscope itemprop=\"mainEntityOfPage\" itemtype=\"https:\/\/schema.org\/WebPage\" itemid=\"https:\/\/www.psib-psoe.org\/mallorca\/el-pressupost-de-lajuntament-de-son-servera-per-2025-tuda-recursos-i-no-ofereix-nous-projectes-per-al-municipi\/\">\n\t<\/aside>\n\t\t<\/article>\n<\/div>\n<div class=\"small-12 large-4 columns\">\n\t<article itemscope itemtype=\"http:\/\/schema.org\/Article\" class=\"post blog-style7 alt post-29271 type-post status-publish format-standard has-post-thumbnail hentry category-federacio-de-mallorca category-federacio-de-mallorca-portada category-municipis category-portada tag-catalina-cladera tag-federacio-socialista-de-mallorca tag-javier-de-juan tag-juana-m-adrover\" role=\"article\">\n\t\t<figure class=\"post-gallery\"><img loading=\"lazy\" decoding=\"async\" width=\"600\" height=\"400\" src=\"https:\/\/www.psib-psoe.org\/mallorca\/wp-content\/uploads\/Roda-premsa-reclamacio-051224-600x400.jpeg\" class=\"attachment-notio-general-x2 size-notio-general-x2 wp-post-image\" alt=\"\" srcset=\"https:\/\/www.psib-psoe.org\/mallorca\/wp-content\/uploads\/Roda-premsa-reclamacio-051224-600x400.jpeg 600w, https:\/\/www.psib-psoe.org\/mallorca\/wp-content\/uploads\/Roda-premsa-reclamacio-051224-300x200.jpeg 300w, https:\/\/www.psib-psoe.org\/mallorca\/wp-content\/uploads\/Roda-premsa-reclamacio-051224-900x600.jpeg 900w, https:\/\/www.psib-psoe.org\/mallorca\/wp-content\/uploads\/Roda-premsa-reclamacio-051224-20x13.jpeg 20w\" sizes=\"(max-width: 600px) 100vw, 600px\" \/><\/figure>\n\t\t<div class=\"blog-top\">\n\t\t\t<header class=\"post-title entry-header\">\n\t\t\t\t<aside class=\"post-meta cf\">\n\t\t05\/12\/2024 \/ <a href=\"https:\/\/www.psib-psoe.org\/mallorca\/category\/federacio-de-mallorca\/\" rel=\"category tag\">Federaci\u00f3 de Mallorca<\/a>, <a href=\"https:\/\/www.psib-psoe.org\/mallorca\/category\/federacio-de-mallorca-portada\/\" rel=\"category tag\">Federaci\u00f3 de Mallorca - Portada<\/a>, <a href=\"https:\/\/www.psib-psoe.org\/mallorca\/category\/municipis\/\" rel=\"category tag\">Municipis<\/a>, <a href=\"https:\/\/www.psib-psoe.org\/mallorca\/category\/portada\/\" rel=\"category tag\">Portada<\/a><\/aside>\n\t\t\t\t<h3 itemprop=\"headline\"><a href=\"https:\/\/www.psib-psoe.org\/mallorca\/catalina-cladera-el-pressupost-2025-del-consell-de-mallorca-trontolla-i-exigim-explicacions-de-galmes\/\" title=\"Catalina Cladera: \u201cEl Pressupost 2025 del Consell de Mallorca trontolla i exigim explicacions de Galm\u00e9s\u201d\u00a0\">Catalina Cladera: \u201cEl Pressupost 2025 del Consell de Mallorca trontolla i exigim explicacions de Galm\u00e9s\u201d\u00a0<\/a><\/h3>\n\t\t\t<\/header>\n\t\t<\/div>\n\t\t<div class=\"post-content\">\n\t\t\t<a href=\"https:\/\/www.psib-psoe.org\/mallorca\/catalina-cladera-el-pressupost-2025-del-consell-de-mallorca-trontolla-i-exigim-explicacions-de-galmes\/\" class=\"more-link\">Read More<\/a>\n\t\t<\/div>\n\t\t\t<aside class=\"post-bottom-meta hide\">\n\t\t<strong rel=\"author\" itemprop=\"author\" class=\"author vcard\"><span class=\"fn\">Albert<\/span><\/strong>\n\t\t<time class=\"date published time\" datetime=\"2024-12-05T15:21:38+02:00\" itemprop=\"datePublished\" content=\"2024-12-05T15:21:38+02:00\">05\/12\/2024<\/time>\n\t\t<meta itemprop=\"dateModified\" class=\"date updated\" content=\"2024-12-05T15:21:40+02:00\">\n\t\t<span class=\"hide\" itemprop=\"publisher\" itemscope itemtype=\"https:\/\/schema.org\/Organization\">\n\t\t\t<meta itemprop=\"name\" content=\"SocialistesdMca\">\n\t\t\t<span itemprop=\"logo\" itemscope itemtype=\"https:\/\/schema.org\/ImageObject\">\n\t\t\t\t<meta itemprop=\"url\" content=\"https:\/\/www.psib-psoe.org\/mallorca\/wp-content\/themes\/notio-wp\/assets\/img\/logo.png\">\n\t\t\t<\/span>\n\t\t\t<meta itemprop=\"url\" content=\"https:\/\/www.psib-psoe.org\/mallorca\/\">\n\t\t<\/span>\n\t\t\t\t<span class=\"hide\" itemprop=\"image\" itemscope itemtype=\"http:\/\/schema.org\/ImageObject\">\n\t\t\t<meta itemprop=\"url\" content=\"https:\/\/www.psib-psoe.org\/mallorca\/wp-content\/uploads\/Roda-premsa-reclamacio-051224.jpeg\">\n\t\t\t<meta itemprop=\"width\" content=\"2560\">\n\t\t\t<meta itemprop=\"height\" content=\"1920\">\n\t\t<\/span>\n\t\t\t\t<meta itemscope itemprop=\"mainEntityOfPage\" itemtype=\"https:\/\/schema.org\/WebPage\" itemid=\"https:\/\/www.psib-psoe.org\/mallorca\/catalina-cladera-el-pressupost-2025-del-consell-de-mallorca-trontolla-i-exigim-explicacions-de-galmes\/\">\n\t<\/aside>\n\t\t<\/article>\n<\/div>\n<div class=\"small-12 large-4 columns\">\n\t<article itemscope itemtype=\"http:\/\/schema.org\/Article\" class=\"post blog-style7 alt post-29268 type-post status-publish format-standard has-post-thumbnail hentry category-federacio-de-mallorca category-federacio-de-mallorca-portada category-municipis category-portada tag-andreu-isern tag-antoni-mari tag-antonia-sastre tag-catalina-cladera tag-federacio-socialista-de-mallorca tag-iago-negueruela tag-juana-m-adrover tag-manolo-galan tag-marga-fullana tag-marti-march tag-pep-lluis-urraca tag-virgilio-moreno\" role=\"article\">\n\t\t<figure class=\"post-gallery\"><img loading=\"lazy\" decoding=\"async\" width=\"600\" height=\"400\" src=\"https:\/\/www.psib-psoe.org\/mallorca\/wp-content\/uploads\/Torre-Picada-1-600x400.jpeg\" class=\"attachment-notio-general-x2 size-notio-general-x2 wp-post-image\" alt=\"\" srcset=\"https:\/\/www.psib-psoe.org\/mallorca\/wp-content\/uploads\/Torre-Picada-1-600x400.jpeg 600w, https:\/\/www.psib-psoe.org\/mallorca\/wp-content\/uploads\/Torre-Picada-1-300x200.jpeg 300w, https:\/\/www.psib-psoe.org\/mallorca\/wp-content\/uploads\/Torre-Picada-1-900x600.jpeg 900w, https:\/\/www.psib-psoe.org\/mallorca\/wp-content\/uploads\/Torre-Picada-1-20x13.jpeg 20w\" sizes=\"(max-width: 600px) 100vw, 600px\" \/><\/figure>\n\t\t<div class=\"blog-top\">\n\t\t\t<header class=\"post-title entry-header\">\n\t\t\t\t<aside class=\"post-meta cf\">\n\t\t04\/12\/2024 \/ <a href=\"https:\/\/www.psib-psoe.org\/mallorca\/category\/federacio-de-mallorca\/\" rel=\"category tag\">Federaci\u00f3 de Mallorca<\/a>, <a href=\"https:\/\/www.psib-psoe.org\/mallorca\/category\/federacio-de-mallorca-portada\/\" rel=\"category tag\">Federaci\u00f3 de Mallorca - Portada<\/a>, <a href=\"https:\/\/www.psib-psoe.org\/mallorca\/category\/municipis\/\" rel=\"category tag\">Municipis<\/a>, <a href=\"https:\/\/www.psib-psoe.org\/mallorca\/category\/portada\/\" rel=\"category tag\">Portada<\/a><\/aside>\n\t\t\t\t<h3 itemprop=\"headline\"><a href=\"https:\/\/www.psib-psoe.org\/mallorca\/el-conveni-per-a-lobertura-de-la-torre-picada-signat-per-lajuntament-de-soller-i-el-consell-de-mallorca-no-compleix-amb-la-llei-de-patrimoni\/\" title=\"El conveni per a l\u2019obertura de la Torre Picada signat per l\u2019Ajuntament de S\u00f3ller i el Consell de Mallorca no compleix amb la Llei de Patrimoni\">El conveni per a l\u2019obertura de la Torre Picada signat per l\u2019Ajuntament de S\u00f3ller i el Consell de Mallorca no compleix amb la Llei de Patrimoni<\/a><\/h3>\n\t\t\t<\/header>\n\t\t<\/div>\n\t\t<div class=\"post-content\">\n\t\t\t<a href=\"https:\/\/www.psib-psoe.org\/mallorca\/el-conveni-per-a-lobertura-de-la-torre-picada-signat-per-lajuntament-de-soller-i-el-consell-de-mallorca-no-compleix-amb-la-llei-de-patrimoni\/\" class=\"more-link\">Read More<\/a>\n\t\t<\/div>\n\t\t\t<aside class=\"post-bottom-meta hide\">\n\t\t<strong rel=\"author\" itemprop=\"author\" class=\"author vcard\"><span class=\"fn\">Socialistes de Mallorca<\/span><\/strong>\n\t\t<time class=\"date published time\" datetime=\"2024-12-04T15:14:07+02:00\" itemprop=\"datePublished\" content=\"2024-12-04T15:14:07+02:00\">04\/12\/2024<\/time>\n\t\t<meta itemprop=\"dateModified\" class=\"date updated\" content=\"2024-12-04T15:14:09+02:00\">\n\t\t<span class=\"hide\" itemprop=\"publisher\" itemscope itemtype=\"https:\/\/schema.org\/Organization\">\n\t\t\t<meta itemprop=\"name\" content=\"SocialistesdMca\">\n\t\t\t<span itemprop=\"logo\" itemscope itemtype=\"https:\/\/schema.org\/ImageObject\">\n\t\t\t\t<meta itemprop=\"url\" content=\"https:\/\/www.psib-psoe.org\/mallorca\/wp-content\/themes\/notio-wp\/assets\/img\/logo.png\">\n\t\t\t<\/span>\n\t\t\t<meta itemprop=\"url\" content=\"https:\/\/www.psib-psoe.org\/mallorca\/\">\n\t\t<\/span>\n\t\t\t\t<span class=\"hide\" itemprop=\"image\" itemscope itemtype=\"http:\/\/schema.org\/ImageObject\">\n\t\t\t<meta itemprop=\"url\" content=\"https:\/\/www.psib-psoe.org\/mallorca\/wp-content\/uploads\/Torre-Picada-1.jpeg\">\n\t\t\t<meta itemprop=\"width\" content=\"4032\">\n\t\t\t<meta itemprop=\"height\" content=\"3024\">\n\t\t<\/span>\n\t\t\t\t<meta itemscope itemprop=\"mainEntityOfPage\" itemtype=\"https:\/\/schema.org\/WebPage\" itemid=\"https:\/\/www.psib-psoe.org\/mallorca\/el-conveni-per-a-lobertura-de-la-torre-picada-signat-per-lajuntament-de-soller-i-el-consell-de-mallorca-no-compleix-amb-la-llei-de-patrimoni\/\">\n\t<\/aside>\n\t\t<\/article>\n<\/div>\n<div class=\"small-12 large-4 columns\">\n\t<article itemscope itemtype=\"http:\/\/schema.org\/Article\" class=\"post blog-style7 alt post-29261 type-post status-publish format-standard has-post-thumbnail hentry category-federacio-de-mallorca category-federacio-de-mallorca-portada category-municipis category-portada tag-andreu-isern tag-antoni-mari tag-antonia-sastre tag-catalina-cladera tag-federacio-socialista-de-mallorca tag-iago-negueruela tag-juana-m-adrover tag-manolo-galan tag-marga-fullana tag-marti-march tag-pep-lluis-urraca tag-virgilio-moreno\" role=\"article\">\n\t\t<figure class=\"post-gallery\"><img loading=\"lazy\" decoding=\"async\" width=\"600\" height=\"400\" src=\"https:\/\/www.psib-psoe.org\/mallorca\/wp-content\/uploads\/Batles-ITS-281124-600x400.jpeg\" class=\"attachment-notio-general-x2 size-notio-general-x2 wp-post-image\" alt=\"\" srcset=\"https:\/\/www.psib-psoe.org\/mallorca\/wp-content\/uploads\/Batles-ITS-281124-600x400.jpeg 600w, https:\/\/www.psib-psoe.org\/mallorca\/wp-content\/uploads\/Batles-ITS-281124-300x200.jpeg 300w, https:\/\/www.psib-psoe.org\/mallorca\/wp-content\/uploads\/Batles-ITS-281124-150x99.jpeg 150w, https:\/\/www.psib-psoe.org\/mallorca\/wp-content\/uploads\/Batles-ITS-281124-20x13.jpeg 20w, https:\/\/www.psib-psoe.org\/mallorca\/wp-content\/uploads\/Batles-ITS-281124-900x600.jpeg 900w\" sizes=\"(max-width: 600px) 100vw, 600px\" \/><\/figure>\n\t\t<div class=\"blog-top\">\n\t\t\t<header class=\"post-title entry-header\">\n\t\t\t\t<aside class=\"post-meta cf\">\n\t\t28\/11\/2024 \/ <a href=\"https:\/\/www.psib-psoe.org\/mallorca\/category\/federacio-de-mallorca\/\" rel=\"category tag\">Federaci\u00f3 de Mallorca<\/a>, <a href=\"https:\/\/www.psib-psoe.org\/mallorca\/category\/federacio-de-mallorca-portada\/\" rel=\"category tag\">Federaci\u00f3 de Mallorca - Portada<\/a>, <a href=\"https:\/\/www.psib-psoe.org\/mallorca\/category\/municipis\/\" rel=\"category tag\">Municipis<\/a>, <a href=\"https:\/\/www.psib-psoe.org\/mallorca\/category\/portada\/\" rel=\"category tag\">Portada<\/a><\/aside>\n\t\t\t\t<h3 itemprop=\"headline\"><a href=\"https:\/\/www.psib-psoe.org\/mallorca\/els-batles-socialistes-de-mallorca-alerten-de-lus-partidista-de-govern-i-felib-de-les-inversions-de-lits-en-favor-dels-ajuntaments-del-pp\/\" title=\"Els batles socialistes de Mallorca alerten de l\u2019\u00fas partidista de Govern i FELIB de les inversions de l\u2019ITS en favor dels ajuntaments del PP.\u00a0\u00a0\u00a0\">Els batles socialistes de Mallorca alerten de l\u2019\u00fas partidista de Govern i FELIB de les inversions de l\u2019ITS en favor dels ajuntaments del PP.\u00a0\u00a0\u00a0<\/a><\/h3>\n\t\t\t<\/header>\n\t\t<\/div>\n\t\t<div class=\"post-content\">\n\t\t\t<a href=\"https:\/\/www.psib-psoe.org\/mallorca\/els-batles-socialistes-de-mallorca-alerten-de-lus-partidista-de-govern-i-felib-de-les-inversions-de-lits-en-favor-dels-ajuntaments-del-pp\/\" class=\"more-link\">Read More<\/a>\n\t\t<\/div>\n\t\t\t<aside class=\"post-bottom-meta hide\">\n\t\t<strong rel=\"author\" itemprop=\"author\" class=\"author vcard\"><span class=\"fn\">Albert<\/span><\/strong>\n\t\t<time class=\"date published time\" datetime=\"2024-11-28T14:55:20+02:00\" itemprop=\"datePublished\" content=\"2024-11-28T14:55:20+02:00\">28\/11\/2024<\/time>\n\t\t<meta itemprop=\"dateModified\" class=\"date updated\" content=\"2024-11-28T14:55:22+02:00\">\n\t\t<span class=\"hide\" itemprop=\"publisher\" itemscope itemtype=\"https:\/\/schema.org\/Organization\">\n\t\t\t<meta itemprop=\"name\" content=\"SocialistesdMca\">\n\t\t\t<span itemprop=\"logo\" itemscope itemtype=\"https:\/\/schema.org\/ImageObject\">\n\t\t\t\t<meta itemprop=\"url\" content=\"https:\/\/www.psib-psoe.org\/mallorca\/wp-content\/themes\/notio-wp\/assets\/img\/logo.png\">\n\t\t\t<\/span>\n\t\t\t<meta itemprop=\"url\" content=\"https:\/\/www.psib-psoe.org\/mallorca\/\">\n\t\t<\/span>\n\t\t\t\t<span class=\"hide\" itemprop=\"image\" itemscope itemtype=\"http:\/\/schema.org\/ImageObject\">\n\t\t\t<meta itemprop=\"url\" content=\"https:\/\/www.psib-psoe.org\/mallorca\/wp-content\/uploads\/Batles-ITS-281124.jpeg\">\n\t\t\t<meta itemprop=\"width\" content=\"2560\">\n\t\t\t<meta itemprop=\"height\" content=\"1688\">\n\t\t<\/span>\n\t\t\t\t<meta itemscope itemprop=\"mainEntityOfPage\" itemtype=\"https:\/\/schema.org\/WebPage\" itemid=\"https:\/\/www.psib-psoe.org\/mallorca\/els-batles-socialistes-de-mallorca-alerten-de-lus-partidista-de-govern-i-felib-de-les-inversions-de-lits-en-favor-dels-ajuntaments-del-pp\/\">\n\t<\/aside>\n\t\t<\/article>\n<\/div>\n<div class=\"small-12 large-4 columns\">\n\t<article itemscope itemtype=\"http:\/\/schema.org\/Article\" class=\"post blog-style7 alt post-29252 type-post status-publish format-standard has-post-thumbnail hentry category-federacio-de-mallorca category-federacio-de-mallorca-portada category-municipis category-portada tag-catalina-cladera tag-consell-de-mallorca tag-federacio-socialista-de-mallorca tag-javier-de-juan tag-psib-psoe tag-tirme\" role=\"article\">\n\t\t<figure class=\"post-gallery\"><img loading=\"lazy\" decoding=\"async\" width=\"600\" height=\"400\" src=\"https:\/\/www.psib-psoe.org\/mallorca\/wp-content\/uploads\/Minut-silenci-DANA-600x400.jpeg\" class=\"attachment-notio-general-x2 size-notio-general-x2 wp-post-image\" alt=\"\" srcset=\"https:\/\/www.psib-psoe.org\/mallorca\/wp-content\/uploads\/Minut-silenci-DANA-600x400.jpeg 600w, https:\/\/www.psib-psoe.org\/mallorca\/wp-content\/uploads\/Minut-silenci-DANA-300x200.jpeg 300w, https:\/\/www.psib-psoe.org\/mallorca\/wp-content\/uploads\/Minut-silenci-DANA-900x600.jpeg 900w, https:\/\/www.psib-psoe.org\/mallorca\/wp-content\/uploads\/Minut-silenci-DANA-20x13.jpeg 20w\" sizes=\"(max-width: 600px) 100vw, 600px\" \/><\/figure>\n\t\t<div class=\"blog-top\">\n\t\t\t<header class=\"post-title entry-header\">\n\t\t\t\t<aside class=\"post-meta cf\">\n\t\t26\/11\/2024 \/ <a href=\"https:\/\/www.psib-psoe.org\/mallorca\/category\/federacio-de-mallorca\/\" rel=\"category tag\">Federaci\u00f3 de Mallorca<\/a>, <a href=\"https:\/\/www.psib-psoe.org\/mallorca\/category\/federacio-de-mallorca-portada\/\" rel=\"category tag\">Federaci\u00f3 de Mallorca - Portada<\/a>, <a href=\"https:\/\/www.psib-psoe.org\/mallorca\/category\/municipis\/\" rel=\"category tag\">Municipis<\/a>, <a href=\"https:\/\/www.psib-psoe.org\/mallorca\/category\/portada\/\" rel=\"category tag\">Portada<\/a><\/aside>\n\t\t\t\t<h3 itemprop=\"headline\"><a href=\"https:\/\/www.psib-psoe.org\/mallorca\/els-socialistes-denuncien-la-malversacio-de-diners-publics-que-suposa-destinar-191-me-a-subvencionar-la-tarifa-del-tractament-de-residus-solids-urbans-a-mallorca\/\" title=\"Els Socialistes s\u2019oposen a la subvenci\u00f3 de 19,1 M\u20ac del Consell de Mallorca a la concession\u00e0ria del tractament dels residus s\u00f2lids urbans de Mallorca. \u00a0\">Els Socialistes s\u2019oposen a la subvenci\u00f3 de 19,1 M\u20ac del Consell de Mallorca a la concession\u00e0ria del tractament dels residus s\u00f2lids urbans de Mallorca. \u00a0<\/a><\/h3>\n\t\t\t<\/header>\n\t\t<\/div>\n\t\t<div class=\"post-content\">\n\t\t\t<a href=\"https:\/\/www.psib-psoe.org\/mallorca\/els-socialistes-denuncien-la-malversacio-de-diners-publics-que-suposa-destinar-191-me-a-subvencionar-la-tarifa-del-tractament-de-residus-solids-urbans-a-mallorca\/\" class=\"more-link\">Read More<\/a>\n\t\t<\/div>\n\t\t\t<aside class=\"post-bottom-meta hide\">\n\t\t<strong rel=\"author\" itemprop=\"author\" class=\"author vcard\"><span class=\"fn\">Albert<\/span><\/strong>\n\t\t<time class=\"date published time\" datetime=\"2024-11-26T15:55:22+02:00\" itemprop=\"datePublished\" content=\"2024-11-26T15:55:22+02:00\">26\/11\/2024<\/time>\n\t\t<meta itemprop=\"dateModified\" class=\"date updated\" content=\"2024-11-27T19:49:01+02:00\">\n\t\t<span class=\"hide\" itemprop=\"publisher\" itemscope itemtype=\"https:\/\/schema.org\/Organization\">\n\t\t\t<meta itemprop=\"name\" content=\"SocialistesdMca\">\n\t\t\t<span itemprop=\"logo\" itemscope itemtype=\"https:\/\/schema.org\/ImageObject\">\n\t\t\t\t<meta itemprop=\"url\" content=\"https:\/\/www.psib-psoe.org\/mallorca\/wp-content\/themes\/notio-wp\/assets\/img\/logo.png\">\n\t\t\t<\/span>\n\t\t\t<meta itemprop=\"url\" content=\"https:\/\/www.psib-psoe.org\/mallorca\/\">\n\t\t<\/span>\n\t\t\t\t<span class=\"hide\" itemprop=\"image\" itemscope itemtype=\"http:\/\/schema.org\/ImageObject\">\n\t\t\t<meta itemprop=\"url\" content=\"https:\/\/www.psib-psoe.org\/mallorca\/wp-content\/uploads\/Minut-silenci-DANA.jpeg\">\n\t\t\t<meta itemprop=\"width\" content=\"2048\">\n\t\t\t<meta itemprop=\"height\" content=\"1536\">\n\t\t<\/span>\n\t\t\t\t<meta itemscope itemprop=\"mainEntityOfPage\" itemtype=\"https:\/\/schema.org\/WebPage\" itemid=\"https:\/\/www.psib-psoe.org\/mallorca\/els-socialistes-denuncien-la-malversacio-de-diners-publics-que-suposa-destinar-191-me-a-subvencionar-la-tarifa-del-tractament-de-residus-solids-urbans-a-mallorca\/\">\n\t<\/aside>\n\t\t<\/article>\n<\/div>\n<div class=\"small-12 large-4 columns\">\n\t<article itemscope itemtype=\"http:\/\/schema.org\/Article\" class=\"post blog-style7 alt post-29249 type-post status-publish format-standard has-post-thumbnail hentry category-federacio-de-mallorca category-federacio-de-mallorca-portada category-municipis category-portada tag-agrupacio-socialista-desporles tag-catalina-cladera tag-federacio-socialista-de-mallorca tag-juli-dalmau tag-psib-psoe tag-rafel-mir\" role=\"article\">\n\t\t<figure class=\"post-gallery\"><img loading=\"lazy\" decoding=\"async\" width=\"600\" height=\"400\" src=\"https:\/\/www.psib-psoe.org\/mallorca\/wp-content\/uploads\/Regidors-Esporles-600x400.jpeg\" class=\"attachment-notio-general-x2 size-notio-general-x2 wp-post-image\" alt=\"\" srcset=\"https:\/\/www.psib-psoe.org\/mallorca\/wp-content\/uploads\/Regidors-Esporles-600x400.jpeg 600w, https:\/\/www.psib-psoe.org\/mallorca\/wp-content\/uploads\/Regidors-Esporles-300x200.jpeg 300w, https:\/\/www.psib-psoe.org\/mallorca\/wp-content\/uploads\/Regidors-Esporles-900x600.jpeg 900w, https:\/\/www.psib-psoe.org\/mallorca\/wp-content\/uploads\/Regidors-Esporles-20x13.jpeg 20w\" sizes=\"(max-width: 600px) 100vw, 600px\" \/><\/figure>\n\t\t<div class=\"blog-top\">\n\t\t\t<header class=\"post-title entry-header\">\n\t\t\t\t<aside class=\"post-meta cf\">\n\t\t25\/11\/2024 \/ <a href=\"https:\/\/www.psib-psoe.org\/mallorca\/category\/federacio-de-mallorca\/\" rel=\"category tag\">Federaci\u00f3 de Mallorca<\/a>, <a href=\"https:\/\/www.psib-psoe.org\/mallorca\/category\/federacio-de-mallorca-portada\/\" rel=\"category tag\">Federaci\u00f3 de Mallorca - Portada<\/a>, <a href=\"https:\/\/www.psib-psoe.org\/mallorca\/category\/municipis\/\" rel=\"category tag\">Municipis<\/a>, <a href=\"https:\/\/www.psib-psoe.org\/mallorca\/category\/portada\/\" rel=\"category tag\">Portada<\/a><\/aside>\n\t\t\t\t<h3 itemprop=\"headline\"><a href=\"https:\/\/www.psib-psoe.org\/mallorca\/els-socialistes-desporles-alerten-que-les-recents-pluges-no-poden-amagar-la-deficient-gestio-dels-recursos-hidrics-del-municipi\/\" title=\"Els Socialistes d\u2019Esporles alerten que les recents pluges no poden amagar la deficient gesti\u00f3 dels recursos h\u00eddrics del municipi.\">Els Socialistes d\u2019Esporles alerten que les recents pluges no poden amagar la deficient gesti\u00f3 dels recursos h\u00eddrics del municipi.<\/a><\/h3>\n\t\t\t<\/header>\n\t\t<\/div>\n\t\t<div class=\"post-content\">\n\t\t\t<a href=\"https:\/\/www.psib-psoe.org\/mallorca\/els-socialistes-desporles-alerten-que-les-recents-pluges-no-poden-amagar-la-deficient-gestio-dels-recursos-hidrics-del-municipi\/\" class=\"more-link\">Read More<\/a>\n\t\t<\/div>\n\t\t\t<aside class=\"post-bottom-meta hide\">\n\t\t<strong rel=\"author\" itemprop=\"author\" class=\"author vcard\"><span class=\"fn\">Albert<\/span><\/strong>\n\t\t<time class=\"date published time\" datetime=\"2024-11-25T10:11:47+02:00\" itemprop=\"datePublished\" content=\"2024-11-25T10:11:47+02:00\">25\/11\/2024<\/time>\n\t\t<meta itemprop=\"dateModified\" class=\"date updated\" content=\"2024-11-25T10:11:49+02:00\">\n\t\t<span class=\"hide\" itemprop=\"publisher\" itemscope itemtype=\"https:\/\/schema.org\/Organization\">\n\t\t\t<meta itemprop=\"name\" content=\"SocialistesdMca\">\n\t\t\t<span itemprop=\"logo\" itemscope itemtype=\"https:\/\/schema.org\/ImageObject\">\n\t\t\t\t<meta itemprop=\"url\" content=\"https:\/\/www.psib-psoe.org\/mallorca\/wp-content\/themes\/notio-wp\/assets\/img\/logo.png\">\n\t\t\t<\/span>\n\t\t\t<meta itemprop=\"url\" content=\"https:\/\/www.psib-psoe.org\/mallorca\/\">\n\t\t<\/span>\n\t\t\t\t<span class=\"hide\" itemprop=\"image\" itemscope itemtype=\"http:\/\/schema.org\/ImageObject\">\n\t\t\t<meta itemprop=\"url\" content=\"https:\/\/www.psib-psoe.org\/mallorca\/wp-content\/uploads\/Regidors-Esporles.jpeg\">\n\t\t\t<meta itemprop=\"width\" content=\"1600\">\n\t\t\t<meta itemprop=\"height\" content=\"1485\">\n\t\t<\/span>\n\t\t\t\t<meta itemscope itemprop=\"mainEntityOfPage\" itemtype=\"https:\/\/schema.org\/WebPage\" itemid=\"https:\/\/www.psib-psoe.org\/mallorca\/els-socialistes-desporles-alerten-que-les-recents-pluges-no-poden-amagar-la-deficient-gestio-dels-recursos-hidrics-del-municipi\/\">\n\t<\/aside>\n\t\t<\/article>\n<\/div>\n<div class=\"small-12 large-4 columns\">\n\t<article itemscope itemtype=\"http:\/\/schema.org\/Article\" class=\"post blog-style7 alt post-29245 type-post status-publish format-standard has-post-thumbnail hentry category-federacio-de-mallorca category-federacio-de-mallorca-portada category-municipis category-portada tag-agrupacio-socialista-de-llucmajor tag-catalina-cladera tag-federacio-socialista-de-mallorca tag-jaume-j-oliver tag-psib-psoe tag-xesca-mir\" role=\"article\">\n\t\t<figure class=\"post-gallery\"><img loading=\"lazy\" decoding=\"async\" width=\"600\" height=\"400\" src=\"https:\/\/www.psib-psoe.org\/mallorca\/wp-content\/uploads\/Llucmajor-rdp-neteja-1-600x400.jpeg\" class=\"attachment-notio-general-x2 size-notio-general-x2 wp-post-image\" alt=\"\" srcset=\"https:\/\/www.psib-psoe.org\/mallorca\/wp-content\/uploads\/Llucmajor-rdp-neteja-1-600x400.jpeg 600w, https:\/\/www.psib-psoe.org\/mallorca\/wp-content\/uploads\/Llucmajor-rdp-neteja-1-300x200.jpeg 300w, https:\/\/www.psib-psoe.org\/mallorca\/wp-content\/uploads\/Llucmajor-rdp-neteja-1-900x600.jpeg 900w, https:\/\/www.psib-psoe.org\/mallorca\/wp-content\/uploads\/Llucmajor-rdp-neteja-1-20x13.jpeg 20w\" sizes=\"(max-width: 600px) 100vw, 600px\" \/><\/figure>\n\t\t<div class=\"blog-top\">\n\t\t\t<header class=\"post-title entry-header\">\n\t\t\t\t<aside class=\"post-meta cf\">\n\t\t22\/11\/2024 \/ <a href=\"https:\/\/www.psib-psoe.org\/mallorca\/category\/federacio-de-mallorca\/\" rel=\"category tag\">Federaci\u00f3 de Mallorca<\/a>, <a href=\"https:\/\/www.psib-psoe.org\/mallorca\/category\/federacio-de-mallorca-portada\/\" rel=\"category tag\">Federaci\u00f3 de Mallorca - Portada<\/a>, <a href=\"https:\/\/www.psib-psoe.org\/mallorca\/category\/municipis\/\" rel=\"category tag\">Municipis<\/a>, <a href=\"https:\/\/www.psib-psoe.org\/mallorca\/category\/portada\/\" rel=\"category tag\">Portada<\/a><\/aside>\n\t\t\t\t<h3 itemprop=\"headline\"><a href=\"https:\/\/www.psib-psoe.org\/mallorca\/els-socialistes-de-llucmajor-lideren-un-pacte-social-i-politic-per-posar-fi-a-la-crisi-dels-fems-al-municipi\/\" title=\"Els Socialistes de Llucmajor lideren un pacte social i pol\u00edtic per posar fi a la \u201ccrisi dels fems al municipi\u201d.\">Els Socialistes de Llucmajor lideren un pacte social i pol\u00edtic per posar fi a la \u201ccrisi dels fems al municipi\u201d.<\/a><\/h3>\n\t\t\t<\/header>\n\t\t<\/div>\n\t\t<div class=\"post-content\">\n\t\t\t<a href=\"https:\/\/www.psib-psoe.org\/mallorca\/els-socialistes-de-llucmajor-lideren-un-pacte-social-i-politic-per-posar-fi-a-la-crisi-dels-fems-al-municipi\/\" class=\"more-link\">Read More<\/a>\n\t\t<\/div>\n\t\t\t<aside class=\"post-bottom-meta hide\">\n\t\t<strong rel=\"author\" itemprop=\"author\" class=\"author vcard\"><span class=\"fn\">Albert<\/span><\/strong>\n\t\t<time class=\"date published time\" datetime=\"2024-11-22T20:27:06+02:00\" itemprop=\"datePublished\" content=\"2024-11-22T20:27:06+02:00\">22\/11\/2024<\/time>\n\t\t<meta itemprop=\"dateModified\" class=\"date updated\" content=\"2024-11-22T20:27:08+02:00\">\n\t\t<span class=\"hide\" itemprop=\"publisher\" itemscope itemtype=\"https:\/\/schema.org\/Organization\">\n\t\t\t<meta itemprop=\"name\" content=\"SocialistesdMca\">\n\t\t\t<span itemprop=\"logo\" itemscope itemtype=\"https:\/\/schema.org\/ImageObject\">\n\t\t\t\t<meta itemprop=\"url\" content=\"https:\/\/www.psib-psoe.org\/mallorca\/wp-content\/themes\/notio-wp\/assets\/img\/logo.png\">\n\t\t\t<\/span>\n\t\t\t<meta itemprop=\"url\" content=\"https:\/\/www.psib-psoe.org\/mallorca\/\">\n\t\t<\/span>\n\t\t\t\t<span class=\"hide\" itemprop=\"image\" itemscope itemtype=\"http:\/\/schema.org\/ImageObject\">\n\t\t\t<meta itemprop=\"url\" content=\"https:\/\/www.psib-psoe.org\/mallorca\/wp-content\/uploads\/Llucmajor-rdp-neteja-1.jpeg\">\n\t\t\t<meta itemprop=\"width\" content=\"2048\">\n\t\t\t<meta itemprop=\"height\" content=\"1536\">\n\t\t<\/span>\n\t\t\t\t<meta itemscope itemprop=\"mainEntityOfPage\" itemtype=\"https:\/\/schema.org\/WebPage\" itemid=\"https:\/\/www.psib-psoe.org\/mallorca\/els-socialistes-de-llucmajor-lideren-un-pacte-social-i-politic-per-posar-fi-a-la-crisi-dels-fems-al-municipi\/\">\n\t<\/aside>\n\t\t<\/article>\n<\/div>\n<div class=\"small-12 large-4 columns\">\n\t<article itemscope itemtype=\"http:\/\/schema.org\/Article\" class=\"post blog-style7 alt post-29241 type-post status-publish format-standard has-post-thumbnail hentry category-federacio-de-mallorca category-federacio-de-mallorca-portada category-municipis category-portada tag-aina-calvo tag-catalina-cladera tag-federacio-socialista-de-mallorca tag-nati-frances tag-psib-psoe tag-silvia-cano-2 tag-xesca-mir\" role=\"article\">\n\t\t<figure class=\"post-gallery\"><img loading=\"lazy\" decoding=\"async\" width=\"600\" height=\"400\" src=\"https:\/\/www.psib-psoe.org\/mallorca\/wp-content\/uploads\/221124-Jornada-Igualtat-FSM-600x400.jpeg\" class=\"attachment-notio-general-x2 size-notio-general-x2 wp-post-image\" alt=\"\" srcset=\"https:\/\/www.psib-psoe.org\/mallorca\/wp-content\/uploads\/221124-Jornada-Igualtat-FSM-600x400.jpeg 600w, https:\/\/www.psib-psoe.org\/mallorca\/wp-content\/uploads\/221124-Jornada-Igualtat-FSM-300x200.jpeg 300w, https:\/\/www.psib-psoe.org\/mallorca\/wp-content\/uploads\/221124-Jornada-Igualtat-FSM-900x600.jpeg 900w, https:\/\/www.psib-psoe.org\/mallorca\/wp-content\/uploads\/221124-Jornada-Igualtat-FSM-20x13.jpeg 20w\" sizes=\"(max-width: 600px) 100vw, 600px\" \/><\/figure>\n\t\t<div class=\"blog-top\">\n\t\t\t<header class=\"post-title entry-header\">\n\t\t\t\t<aside class=\"post-meta cf\">\n\t\t22\/11\/2024 \/ <a href=\"https:\/\/www.psib-psoe.org\/mallorca\/category\/federacio-de-mallorca\/\" rel=\"category tag\">Federaci\u00f3 de Mallorca<\/a>, <a href=\"https:\/\/www.psib-psoe.org\/mallorca\/category\/federacio-de-mallorca-portada\/\" rel=\"category tag\">Federaci\u00f3 de Mallorca - Portada<\/a>, <a href=\"https:\/\/www.psib-psoe.org\/mallorca\/category\/municipis\/\" rel=\"category tag\">Municipis<\/a>, <a href=\"https:\/\/www.psib-psoe.org\/mallorca\/category\/portada\/\" rel=\"category tag\">Portada<\/a><\/aside>\n\t\t\t\t<h3 itemprop=\"headline\"><a href=\"https:\/\/www.psib-psoe.org\/mallorca\/cladera-i-calvo-alerten-del-moment-delicat-que-passen-els-drets-de-les-dones-pel-negacionisme-de-la-violencia-de-genere-de-lextrema-dreta\/\" title=\"Cladera i Calvo alerten del \u201cmoment delicat que passen els drets de les dones pel negacionisme de la viol\u00e8ncia de g\u00e8nere de l\u2019extrema dreta\u201d.\">Cladera i Calvo alerten del \u201cmoment delicat que passen els drets de les dones pel negacionisme de la viol\u00e8ncia de g\u00e8nere de l\u2019extrema dreta\u201d.<\/a><\/h3>\n\t\t\t<\/header>\n\t\t<\/div>\n\t\t<div class=\"post-content\">\n\t\t\t<a href=\"https:\/\/www.psib-psoe.org\/mallorca\/cladera-i-calvo-alerten-del-moment-delicat-que-passen-els-drets-de-les-dones-pel-negacionisme-de-la-violencia-de-genere-de-lextrema-dreta\/\" class=\"more-link\">Read More<\/a>\n\t\t<\/div>\n\t\t\t<aside class=\"post-bottom-meta hide\">\n\t\t<strong rel=\"author\" itemprop=\"author\" class=\"author vcard\"><span class=\"fn\">Albert<\/span><\/strong>\n\t\t<time class=\"date published time\" datetime=\"2024-11-22T19:44:29+02:00\" itemprop=\"datePublished\" content=\"2024-11-22T19:44:29+02:00\">22\/11\/2024<\/time>\n\t\t<meta itemprop=\"dateModified\" class=\"date updated\" content=\"2024-11-22T19:44:30+02:00\">\n\t\t<span class=\"hide\" itemprop=\"publisher\" itemscope itemtype=\"https:\/\/schema.org\/Organization\">\n\t\t\t<meta itemprop=\"name\" content=\"SocialistesdMca\">\n\t\t\t<span itemprop=\"logo\" itemscope itemtype=\"https:\/\/schema.org\/ImageObject\">\n\t\t\t\t<meta itemprop=\"url\" content=\"https:\/\/www.psib-psoe.org\/mallorca\/wp-content\/themes\/notio-wp\/assets\/img\/logo.png\">\n\t\t\t<\/span>\n\t\t\t<meta itemprop=\"url\" content=\"https:\/\/www.psib-psoe.org\/mallorca\/\">\n\t\t<\/span>\n\t\t\t\t<span class=\"hide\" itemprop=\"image\" itemscope itemtype=\"http:\/\/schema.org\/ImageObject\">\n\t\t\t<meta itemprop=\"url\" content=\"https:\/\/www.psib-psoe.org\/mallorca\/wp-content\/uploads\/221124-Jornada-Igualtat-FSM.jpeg\">\n\t\t\t<meta itemprop=\"width\" content=\"1599\">\n\t\t\t<meta itemprop=\"height\" content=\"1251\">\n\t\t<\/span>\n\t\t\t\t<meta itemscope itemprop=\"mainEntityOfPage\" itemtype=\"https:\/\/schema.org\/WebPage\" itemid=\"https:\/\/www.psib-psoe.org\/mallorca\/cladera-i-calvo-alerten-del-moment-delicat-que-passen-els-drets-de-les-dones-pel-negacionisme-de-la-violencia-de-genere-de-lextrema-dreta\/\">\n\t<\/aside>\n\t\t<\/article>\n<\/div>\n<div class=\"small-12 large-4 columns\">\n\t<article itemscope itemtype=\"http:\/\/schema.org\/Article\" class=\"post blog-style7 alt post-29239 type-post status-publish format-standard has-post-thumbnail hentry category-federacio-de-mallorca category-federacio-de-mallorca-portada category-municipis category-portada tag-arrelam tag-catalina-cladera tag-federacio-socialista-de-mallorca tag-joana-maria-coll tag-psib-psoe\" role=\"article\">\n\t\t<figure class=\"post-gallery\"><img loading=\"lazy\" decoding=\"async\" width=\"600\" height=\"400\" src=\"https:\/\/www.psib-psoe.org\/mallorca\/wp-content\/uploads\/ARRELAM_LOGO_ENVIAR-1-4-600x400.jpg\" class=\"attachment-notio-general-x2 size-notio-general-x2 wp-post-image\" alt=\"\" srcset=\"https:\/\/www.psib-psoe.org\/mallorca\/wp-content\/uploads\/ARRELAM_LOGO_ENVIAR-1-4-600x400.jpg 600w, https:\/\/www.psib-psoe.org\/mallorca\/wp-content\/uploads\/ARRELAM_LOGO_ENVIAR-1-4-300x200.jpg 300w, https:\/\/www.psib-psoe.org\/mallorca\/wp-content\/uploads\/ARRELAM_LOGO_ENVIAR-1-4-900x600.jpg 900w, https:\/\/www.psib-psoe.org\/mallorca\/wp-content\/uploads\/ARRELAM_LOGO_ENVIAR-1-4-20x13.jpg 20w\" sizes=\"(max-width: 600px) 100vw, 600px\" \/><\/figure>\n\t\t<div class=\"blog-top\">\n\t\t\t<header class=\"post-title entry-header\">\n\t\t\t\t<aside class=\"post-meta cf\">\n\t\t22\/11\/2024 \/ <a href=\"https:\/\/www.psib-psoe.org\/mallorca\/category\/federacio-de-mallorca\/\" rel=\"category tag\">Federaci\u00f3 de Mallorca<\/a>, <a href=\"https:\/\/www.psib-psoe.org\/mallorca\/category\/federacio-de-mallorca-portada\/\" rel=\"category tag\">Federaci\u00f3 de Mallorca - Portada<\/a>, <a href=\"https:\/\/www.psib-psoe.org\/mallorca\/category\/municipis\/\" rel=\"category tag\">Municipis<\/a>, <a href=\"https:\/\/www.psib-psoe.org\/mallorca\/category\/portada\/\" rel=\"category tag\">Portada<\/a><\/aside>\n\t\t\t\t<h3 itemprop=\"headline\"><a href=\"https:\/\/www.psib-psoe.org\/mallorca\/lequip-de-govern-de-selva-descarta-mantenir-es-putxet-com-a-escola-publica\/\" title=\"L\u2019equip de govern de Selva descarta mantenir Es Putxet com a escola p\u00fablica.\">L\u2019equip de govern de Selva descarta mantenir Es Putxet com a escola p\u00fablica.<\/a><\/h3>\n\t\t\t<\/header>\n\t\t<\/div>\n\t\t<div class=\"post-content\">\n\t\t\t<a href=\"https:\/\/www.psib-psoe.org\/mallorca\/lequip-de-govern-de-selva-descarta-mantenir-es-putxet-com-a-escola-publica\/\" class=\"more-link\">Read More<\/a>\n\t\t<\/div>\n\t\t\t<aside class=\"post-bottom-meta hide\">\n\t\t<strong rel=\"author\" itemprop=\"author\" class=\"author vcard\"><span class=\"fn\">Albert<\/span><\/strong>\n\t\t<time class=\"date published time\" datetime=\"2024-11-22T10:58:21+02:00\" itemprop=\"datePublished\" content=\"2024-11-22T10:58:21+02:00\">22\/11\/2024<\/time>\n\t\t<meta itemprop=\"dateModified\" class=\"date updated\" content=\"2024-11-22T10:58:23+02:00\">\n\t\t<span class=\"hide\" itemprop=\"publisher\" itemscope itemtype=\"https:\/\/schema.org\/Organization\">\n\t\t\t<meta itemprop=\"name\" content=\"SocialistesdMca\">\n\t\t\t<span itemprop=\"logo\" itemscope itemtype=\"https:\/\/schema.org\/ImageObject\">\n\t\t\t\t<meta itemprop=\"url\" content=\"https:\/\/www.psib-psoe.org\/mallorca\/wp-content\/themes\/notio-wp\/assets\/img\/logo.png\">\n\t\t\t<\/span>\n\t\t\t<meta itemprop=\"url\" content=\"https:\/\/www.psib-psoe.org\/mallorca\/\">\n\t\t<\/span>\n\t\t\t\t<span class=\"hide\" itemprop=\"image\" itemscope itemtype=\"http:\/\/schema.org\/ImageObject\">\n\t\t\t<meta itemprop=\"url\" content=\"https:\/\/www.psib-psoe.org\/mallorca\/wp-content\/uploads\/ARRELAM_LOGO_ENVIAR-1-4.jpg\">\n\t\t\t<meta itemprop=\"width\" content=\"1979\">\n\t\t\t<meta itemprop=\"height\" content=\"681\">\n\t\t<\/span>\n\t\t\t\t<meta itemscope itemprop=\"mainEntityOfPage\" itemtype=\"https:\/\/schema.org\/WebPage\" itemid=\"https:\/\/www.psib-psoe.org\/mallorca\/lequip-de-govern-de-selva-descarta-mantenir-es-putxet-com-a-escola-publica\/\">\n\t<\/aside>\n\t\t<\/article>\n<\/div>\n<div class=\"small-12 large-4 columns\">\n\t<article itemscope itemtype=\"http:\/\/schema.org\/Article\" class=\"post blog-style7 alt post-29237 type-post status-publish format-standard has-post-thumbnail hentry category-federacio-de-mallorca category-federacio-de-mallorca-portada category-municipis category-portada tag-catalina-cladera tag-federacio-socialista-de-mallorca tag-javier-de-juan tag-psib-psoe\" role=\"article\">\n\t\t<figure class=\"post-gallery\"><img loading=\"lazy\" decoding=\"async\" width=\"600\" height=\"400\" src=\"https:\/\/www.psib-psoe.org\/mallorca\/wp-content\/uploads\/041124_Catalina-Cladera-RDP-Pressuposts-Consell-2025-600x400.jpg\" class=\"attachment-notio-general-x2 size-notio-general-x2 wp-post-image\" alt=\"\" srcset=\"https:\/\/www.psib-psoe.org\/mallorca\/wp-content\/uploads\/041124_Catalina-Cladera-RDP-Pressuposts-Consell-2025-600x400.jpg 600w, https:\/\/www.psib-psoe.org\/mallorca\/wp-content\/uploads\/041124_Catalina-Cladera-RDP-Pressuposts-Consell-2025-300x200.jpg 300w, https:\/\/www.psib-psoe.org\/mallorca\/wp-content\/uploads\/041124_Catalina-Cladera-RDP-Pressuposts-Consell-2025-900x600.jpg 900w, https:\/\/www.psib-psoe.org\/mallorca\/wp-content\/uploads\/041124_Catalina-Cladera-RDP-Pressuposts-Consell-2025-20x13.jpg 20w\" sizes=\"(max-width: 600px) 100vw, 600px\" \/><\/figure>\n\t\t<div class=\"blog-top\">\n\t\t\t<header class=\"post-title entry-header\">\n\t\t\t\t<aside class=\"post-meta cf\">\n\t\t21\/11\/2024 \/ <a href=\"https:\/\/www.psib-psoe.org\/mallorca\/category\/federacio-de-mallorca\/\" rel=\"category tag\">Federaci\u00f3 de Mallorca<\/a>, <a href=\"https:\/\/www.psib-psoe.org\/mallorca\/category\/federacio-de-mallorca-portada\/\" rel=\"category tag\">Federaci\u00f3 de Mallorca - Portada<\/a>, <a href=\"https:\/\/www.psib-psoe.org\/mallorca\/category\/municipis\/\" rel=\"category tag\">Municipis<\/a>, <a href=\"https:\/\/www.psib-psoe.org\/mallorca\/category\/portada\/\" rel=\"category tag\">Portada<\/a><\/aside>\n\t\t\t\t<h3 itemprop=\"headline\"><a href=\"https:\/\/www.psib-psoe.org\/mallorca\/la-nulla-capacitat-de-negociacio-de-galmes-provoca-que-la-tarifa-de-residus-urbans-a-mallorca-sincrementi-un-53-per-2025\/\" title=\"La nul\u00b7la capacitat de negociaci\u00f3 de Galm\u00e9s provoca que la tarifa de residus urbans a Mallorca s\u2019incrementi un 53% per 2025.\">La nul\u00b7la capacitat de negociaci\u00f3 de Galm\u00e9s provoca que la tarifa de residus urbans a Mallorca s\u2019incrementi un 53% per 2025.<\/a><\/h3>\n\t\t\t<\/header>\n\t\t<\/div>\n\t\t<div class=\"post-content\">\n\t\t\t<a href=\"https:\/\/www.psib-psoe.org\/mallorca\/la-nulla-capacitat-de-negociacio-de-galmes-provoca-que-la-tarifa-de-residus-urbans-a-mallorca-sincrementi-un-53-per-2025\/\" class=\"more-link\">Read More<\/a>\n\t\t<\/div>\n\t\t\t<aside class=\"post-bottom-meta hide\">\n\t\t<strong rel=\"author\" itemprop=\"author\" class=\"author vcard\"><span class=\"fn\">Albert<\/span><\/strong>\n\t\t<time class=\"date published time\" datetime=\"2024-11-21T18:04:27+02:00\" itemprop=\"datePublished\" content=\"2024-11-21T18:04:27+02:00\">21\/11\/2024<\/time>\n\t\t<meta itemprop=\"dateModified\" class=\"date updated\" content=\"2024-11-21T18:04:29+02:00\">\n\t\t<span class=\"hide\" itemprop=\"publisher\" itemscope itemtype=\"https:\/\/schema.org\/Organization\">\n\t\t\t<meta itemprop=\"name\" content=\"SocialistesdMca\">\n\t\t\t<span itemprop=\"logo\" itemscope itemtype=\"https:\/\/schema.org\/ImageObject\">\n\t\t\t\t<meta itemprop=\"url\" content=\"https:\/\/www.psib-psoe.org\/mallorca\/wp-content\/themes\/notio-wp\/assets\/img\/logo.png\">\n\t\t\t<\/span>\n\t\t\t<meta itemprop=\"url\" content=\"https:\/\/www.psib-psoe.org\/mallorca\/\">\n\t\t<\/span>\n\t\t\t\t<span class=\"hide\" itemprop=\"image\" itemscope itemtype=\"http:\/\/schema.org\/ImageObject\">\n\t\t\t<meta itemprop=\"url\" content=\"https:\/\/www.psib-psoe.org\/mallorca\/wp-content\/uploads\/041124_Catalina-Cladera-RDP-Pressuposts-Consell-2025-scaled.jpg\">\n\t\t\t<meta itemprop=\"width\" content=\"2560\">\n\t\t\t<meta itemprop=\"height\" content=\"1920\">\n\t\t<\/span>\n\t\t\t\t<meta itemscope itemprop=\"mainEntityOfPage\" itemtype=\"https:\/\/schema.org\/WebPage\" itemid=\"https:\/\/www.psib-psoe.org\/mallorca\/la-nulla-capacitat-de-negociacio-de-galmes-provoca-que-la-tarifa-de-residus-urbans-a-mallorca-sincrementi-un-53-per-2025\/\">\n\t<\/aside>\n\t\t<\/article>\n<\/div>\n<div class=\"small-12 large-4 columns\">\n\t<article itemscope itemtype=\"http:\/\/schema.org\/Article\" class=\"post blog-style7 alt post-29232 type-post status-publish format-standard has-post-thumbnail hentry category-federacio-de-mallorca category-federacio-de-mallorca-portada category-municipis category-portada tag-catalina-cladera tag-federacio-socialista-de-mallorca tag-maria-angeles-fernandez tag-psib-psoe tag-sofia-alonso\" role=\"article\">\n\t\t<figure class=\"post-gallery\"><img loading=\"lazy\" decoding=\"async\" width=\"600\" height=\"400\" src=\"https:\/\/www.psib-psoe.org\/mallorca\/wp-content\/uploads\/Reunio-grup-social-FSM-181124-1-600x400.jpeg\" class=\"attachment-notio-general-x2 size-notio-general-x2 wp-post-image\" alt=\"\" srcset=\"https:\/\/www.psib-psoe.org\/mallorca\/wp-content\/uploads\/Reunio-grup-social-FSM-181124-1-600x400.jpeg 600w, https:\/\/www.psib-psoe.org\/mallorca\/wp-content\/uploads\/Reunio-grup-social-FSM-181124-1-300x200.jpeg 300w, https:\/\/www.psib-psoe.org\/mallorca\/wp-content\/uploads\/Reunio-grup-social-FSM-181124-1-900x600.jpeg 900w, https:\/\/www.psib-psoe.org\/mallorca\/wp-content\/uploads\/Reunio-grup-social-FSM-181124-1-20x13.jpeg 20w\" sizes=\"(max-width: 600px) 100vw, 600px\" \/><\/figure>\n\t\t<div class=\"blog-top\">\n\t\t\t<header class=\"post-title entry-header\">\n\t\t\t\t<aside class=\"post-meta cf\">\n\t\t21\/11\/2024 \/ <a href=\"https:\/\/www.psib-psoe.org\/mallorca\/category\/federacio-de-mallorca\/\" rel=\"category tag\">Federaci\u00f3 de Mallorca<\/a>, <a href=\"https:\/\/www.psib-psoe.org\/mallorca\/category\/federacio-de-mallorca-portada\/\" rel=\"category tag\">Federaci\u00f3 de Mallorca - Portada<\/a>, <a href=\"https:\/\/www.psib-psoe.org\/mallorca\/category\/municipis\/\" rel=\"category tag\">Municipis<\/a>, <a href=\"https:\/\/www.psib-psoe.org\/mallorca\/category\/portada\/\" rel=\"category tag\">Portada<\/a><\/aside>\n\t\t\t\t<h3 itemprop=\"headline\"><a href=\"https:\/\/www.psib-psoe.org\/mallorca\/els-batles-i-regidors-socialistes-del-pla-de-mallorca-reclamen-al-govern-la-millora-del-servei-datencio-a-domicili-als-municipis-de-la-mancomunitat\/\" title=\"Els batles i regidors socialistes del Pla de Mallorca reclamen al Govern la millora del servei d\u2019atenci\u00f3 a domicili als municipis de la Mancomunitat.\">Els batles i regidors socialistes del Pla de Mallorca reclamen al Govern la millora del servei d\u2019atenci\u00f3 a domicili als municipis de la Mancomunitat.<\/a><\/h3>\n\t\t\t<\/header>\n\t\t<\/div>\n\t\t<div class=\"post-content\">\n\t\t\t<a href=\"https:\/\/www.psib-psoe.org\/mallorca\/els-batles-i-regidors-socialistes-del-pla-de-mallorca-reclamen-al-govern-la-millora-del-servei-datencio-a-domicili-als-municipis-de-la-mancomunitat\/\" class=\"more-link\">Read More<\/a>\n\t\t<\/div>\n\t\t\t<aside class=\"post-bottom-meta hide\">\n\t\t<strong rel=\"author\" itemprop=\"author\" class=\"author vcard\"><span class=\"fn\">Albert<\/span><\/strong>\n\t\t<time class=\"date published time\" datetime=\"2024-11-21T09:22:53+02:00\" itemprop=\"datePublished\" content=\"2024-11-21T09:22:53+02:00\">21\/11\/2024<\/time>\n\t\t<meta itemprop=\"dateModified\" class=\"date updated\" content=\"2024-11-21T09:22:54+02:00\">\n\t\t<span class=\"hide\" itemprop=\"publisher\" itemscope itemtype=\"https:\/\/schema.org\/Organization\">\n\t\t\t<meta itemprop=\"name\" content=\"SocialistesdMca\">\n\t\t\t<span itemprop=\"logo\" itemscope itemtype=\"https:\/\/schema.org\/ImageObject\">\n\t\t\t\t<meta itemprop=\"url\" content=\"https:\/\/www.psib-psoe.org\/mallorca\/wp-content\/themes\/notio-wp\/assets\/img\/logo.png\">\n\t\t\t<\/span>\n\t\t\t<meta itemprop=\"url\" content=\"https:\/\/www.psib-psoe.org\/mallorca\/\">\n\t\t<\/span>\n\t\t\t\t<span class=\"hide\" itemprop=\"image\" itemscope itemtype=\"http:\/\/schema.org\/ImageObject\">\n\t\t\t<meta itemprop=\"url\" content=\"https:\/\/www.psib-psoe.org\/mallorca\/wp-content\/uploads\/Reunio-grup-social-FSM-181124-1.jpeg\">\n\t\t\t<meta itemprop=\"width\" content=\"2048\">\n\t\t\t<meta itemprop=\"height\" content=\"1536\">\n\t\t<\/span>\n\t\t\t\t<meta itemscope itemprop=\"mainEntityOfPage\" itemtype=\"https:\/\/schema.org\/WebPage\" itemid=\"https:\/\/www.psib-psoe.org\/mallorca\/els-batles-i-regidors-socialistes-del-pla-de-mallorca-reclamen-al-govern-la-millora-del-servei-datencio-a-domicili-als-municipis-de-la-mancomunitat\/\">\n\t<\/aside>\n\t\t<\/article>\n<\/div>\n<div class=\"small-12 large-4 columns\">\n\t<article itemscope itemtype=\"http:\/\/schema.org\/Article\" class=\"post blog-style7 alt post-29228 type-post status-publish format-standard has-post-thumbnail hentry category-federacio-de-mallorca category-federacio-de-mallorca-portada category-municipis category-portada tag-catalina-cladera tag-federacio-socialista-de-mallorca tag-javier-de-juan tag-joan-ferrer tag-juana-m-adrover tag-psib-psoe\" role=\"article\">\n\t\t<figure class=\"post-gallery\"><img loading=\"lazy\" decoding=\"async\" width=\"600\" height=\"400\" src=\"https:\/\/www.psib-psoe.org\/mallorca\/wp-content\/uploads\/041124_Catalina-Cladera-RDP-Pressuposts-Consell-2025-600x400.jpg\" class=\"attachment-notio-general-x2 size-notio-general-x2 wp-post-image\" alt=\"\" srcset=\"https:\/\/www.psib-psoe.org\/mallorca\/wp-content\/uploads\/041124_Catalina-Cladera-RDP-Pressuposts-Consell-2025-600x400.jpg 600w, https:\/\/www.psib-psoe.org\/mallorca\/wp-content\/uploads\/041124_Catalina-Cladera-RDP-Pressuposts-Consell-2025-300x200.jpg 300w, https:\/\/www.psib-psoe.org\/mallorca\/wp-content\/uploads\/041124_Catalina-Cladera-RDP-Pressuposts-Consell-2025-900x600.jpg 900w, https:\/\/www.psib-psoe.org\/mallorca\/wp-content\/uploads\/041124_Catalina-Cladera-RDP-Pressuposts-Consell-2025-20x13.jpg 20w\" sizes=\"(max-width: 600px) 100vw, 600px\" \/><\/figure>\n\t\t<div class=\"blog-top\">\n\t\t\t<header class=\"post-title entry-header\">\n\t\t\t\t<aside class=\"post-meta cf\">\n\t\t18\/11\/2024 \/ <a href=\"https:\/\/www.psib-psoe.org\/mallorca\/category\/federacio-de-mallorca\/\" rel=\"category tag\">Federaci\u00f3 de Mallorca<\/a>, <a href=\"https:\/\/www.psib-psoe.org\/mallorca\/category\/federacio-de-mallorca-portada\/\" rel=\"category tag\">Federaci\u00f3 de Mallorca - Portada<\/a>, <a href=\"https:\/\/www.psib-psoe.org\/mallorca\/category\/municipis\/\" rel=\"category tag\">Municipis<\/a>, <a href=\"https:\/\/www.psib-psoe.org\/mallorca\/category\/portada\/\" rel=\"category tag\">Portada<\/a><\/aside>\n\t\t\t\t<h3 itemprop=\"headline\"><a href=\"https:\/\/www.psib-psoe.org\/mallorca\/galmes-es-resisteix-a-regular-els-parcs-fotovoltaics-de-mallorca\/\" title=\"Galm\u00e9s es resisteix a regular els parcs fotovoltaics de Mallorca.\">Galm\u00e9s es resisteix a regular els parcs fotovoltaics de Mallorca.<\/a><\/h3>\n\t\t\t<\/header>\n\t\t<\/div>\n\t\t<div class=\"post-content\">\n\t\t\t<a href=\"https:\/\/www.psib-psoe.org\/mallorca\/galmes-es-resisteix-a-regular-els-parcs-fotovoltaics-de-mallorca\/\" class=\"more-link\">Read More<\/a>\n\t\t<\/div>\n\t\t\t<aside class=\"post-bottom-meta hide\">\n\t\t<strong rel=\"author\" itemprop=\"author\" class=\"author vcard\"><span class=\"fn\">Albert<\/span><\/strong>\n\t\t<time class=\"date published time\" datetime=\"2024-11-18T15:57:32+02:00\" itemprop=\"datePublished\" content=\"2024-11-18T15:57:32+02:00\">18\/11\/2024<\/time>\n\t\t<meta itemprop=\"dateModified\" class=\"date updated\" content=\"2024-11-18T15:57:33+02:00\">\n\t\t<span class=\"hide\" itemprop=\"publisher\" itemscope itemtype=\"https:\/\/schema.org\/Organization\">\n\t\t\t<meta itemprop=\"name\" content=\"SocialistesdMca\">\n\t\t\t<span itemprop=\"logo\" itemscope itemtype=\"https:\/\/schema.org\/ImageObject\">\n\t\t\t\t<meta itemprop=\"url\" content=\"https:\/\/www.psib-psoe.org\/mallorca\/wp-content\/themes\/notio-wp\/assets\/img\/logo.png\">\n\t\t\t<\/span>\n\t\t\t<meta itemprop=\"url\" content=\"https:\/\/www.psib-psoe.org\/mallorca\/\">\n\t\t<\/span>\n\t\t\t\t<span class=\"hide\" itemprop=\"image\" itemscope itemtype=\"http:\/\/schema.org\/ImageObject\">\n\t\t\t<meta itemprop=\"url\" content=\"https:\/\/www.psib-psoe.org\/mallorca\/wp-content\/uploads\/041124_Catalina-Cladera-RDP-Pressuposts-Consell-2025-scaled.jpg\">\n\t\t\t<meta itemprop=\"width\" content=\"2560\">\n\t\t\t<meta itemprop=\"height\" content=\"1920\">\n\t\t<\/span>\n\t\t\t\t<meta itemscope itemprop=\"mainEntityOfPage\" itemtype=\"https:\/\/schema.org\/WebPage\" itemid=\"https:\/\/www.psib-psoe.org\/mallorca\/galmes-es-resisteix-a-regular-els-parcs-fotovoltaics-de-mallorca\/\">\n\t<\/aside>\n\t\t<\/article>\n<\/div>\n<div class=\"small-12 large-4 columns\">\n\t<article itemscope itemtype=\"http:\/\/schema.org\/Article\" class=\"post blog-style7 alt post-29223 type-post status-publish format-standard has-post-thumbnail hentry category-federacio-de-mallorca category-federacio-de-mallorca-portada category-municipis category-portada tag-catalina-cladera tag-federacio-socialista-de-mallorca tag-javier-de-juan tag-juana-m-adrover tag-psib-psoe\" role=\"article\">\n\t\t<figure class=\"post-gallery\"><img loading=\"lazy\" decoding=\"async\" width=\"600\" height=\"400\" src=\"https:\/\/www.psib-psoe.org\/mallorca\/wp-content\/uploads\/Ple-pressupostos-151124-2-1-600x400.jpeg\" class=\"attachment-notio-general-x2 size-notio-general-x2 wp-post-image\" alt=\"\" srcset=\"https:\/\/www.psib-psoe.org\/mallorca\/wp-content\/uploads\/Ple-pressupostos-151124-2-1-600x400.jpeg 600w, https:\/\/www.psib-psoe.org\/mallorca\/wp-content\/uploads\/Ple-pressupostos-151124-2-1-300x200.jpeg 300w, https:\/\/www.psib-psoe.org\/mallorca\/wp-content\/uploads\/Ple-pressupostos-151124-2-1-900x600.jpeg 900w, https:\/\/www.psib-psoe.org\/mallorca\/wp-content\/uploads\/Ple-pressupostos-151124-2-1-20x13.jpeg 20w\" sizes=\"(max-width: 600px) 100vw, 600px\" \/><\/figure>\n\t\t<div class=\"blog-top\">\n\t\t\t<header class=\"post-title entry-header\">\n\t\t\t\t<aside class=\"post-meta cf\">\n\t\t15\/11\/2024 \/ <a href=\"https:\/\/www.psib-psoe.org\/mallorca\/category\/federacio-de-mallorca\/\" rel=\"category tag\">Federaci\u00f3 de Mallorca<\/a>, <a href=\"https:\/\/www.psib-psoe.org\/mallorca\/category\/federacio-de-mallorca-portada\/\" rel=\"category tag\">Federaci\u00f3 de Mallorca - Portada<\/a>, <a href=\"https:\/\/www.psib-psoe.org\/mallorca\/category\/municipis\/\" rel=\"category tag\">Municipis<\/a>, <a href=\"https:\/\/www.psib-psoe.org\/mallorca\/category\/portada\/\" rel=\"category tag\">Portada<\/a><\/aside>\n\t\t\t\t<h3 itemprop=\"headline\"><a href=\"https:\/\/www.psib-psoe.org\/mallorca\/cladera-el-consell-de-mallorca-aprova-uns-pressupostos-xenofobs-i-racistes-els-pitjors-que-es-podien-presentar\/\" title=\"Cladera: \u201cEl Consell de Mallorca aprova uns pressupostos xen\u00f2fobs i racistes, els pitjors que es podien presentar\u201d.\">Cladera: \u201cEl Consell de Mallorca aprova uns pressupostos xen\u00f2fobs i racistes, els pitjors que es podien presentar\u201d.<\/a><\/h3>\n\t\t\t<\/header>\n\t\t<\/div>\n\t\t<div class=\"post-content\">\n\t\t\t<a href=\"https:\/\/www.psib-psoe.org\/mallorca\/cladera-el-consell-de-mallorca-aprova-uns-pressupostos-xenofobs-i-racistes-els-pitjors-que-es-podien-presentar\/\" class=\"more-link\">Read More<\/a>\n\t\t<\/div>\n\t\t\t<aside class=\"post-bottom-meta hide\">\n\t\t<strong rel=\"author\" itemprop=\"author\" class=\"author vcard\"><span class=\"fn\">Albert<\/span><\/strong>\n\t\t<time class=\"date published time\" datetime=\"2024-11-15T14:52:36+02:00\" itemprop=\"datePublished\" content=\"2024-11-15T14:52:36+02:00\">15\/11\/2024<\/time>\n\t\t<meta itemprop=\"dateModified\" class=\"date updated\" content=\"2024-11-15T14:52:38+02:00\">\n\t\t<span class=\"hide\" itemprop=\"publisher\" itemscope itemtype=\"https:\/\/schema.org\/Organization\">\n\t\t\t<meta itemprop=\"name\" content=\"SocialistesdMca\">\n\t\t\t<span itemprop=\"logo\" itemscope itemtype=\"https:\/\/schema.org\/ImageObject\">\n\t\t\t\t<meta itemprop=\"url\" content=\"https:\/\/www.psib-psoe.org\/mallorca\/wp-content\/themes\/notio-wp\/assets\/img\/logo.png\">\n\t\t\t<\/span>\n\t\t\t<meta itemprop=\"url\" content=\"https:\/\/www.psib-psoe.org\/mallorca\/\">\n\t\t<\/span>\n\t\t\t\t<span class=\"hide\" itemprop=\"image\" itemscope itemtype=\"http:\/\/schema.org\/ImageObject\">\n\t\t\t<meta itemprop=\"url\" content=\"https:\/\/www.psib-psoe.org\/mallorca\/wp-content\/uploads\/Ple-pressupostos-151124-2-1.jpeg\">\n\t\t\t<meta itemprop=\"width\" content=\"2048\">\n\t\t\t<meta itemprop=\"height\" content=\"1536\">\n\t\t<\/span>\n\t\t\t\t<meta itemscope itemprop=\"mainEntityOfPage\" itemtype=\"https:\/\/schema.org\/WebPage\" itemid=\"https:\/\/www.psib-psoe.org\/mallorca\/cladera-el-consell-de-mallorca-aprova-uns-pressupostos-xenofobs-i-racistes-els-pitjors-que-es-podien-presentar\/\">\n\t<\/aside>\n\t\t<\/article>\n<\/div>\n<div class=\"small-12 large-4 columns\">\n\t<article itemscope itemtype=\"http:\/\/schema.org\/Article\" class=\"post blog-style7 alt post-29219 type-post status-publish format-standard has-post-thumbnail hentry category-federacio-de-mallorca category-federacio-de-mallorca-portada category-municipis category-portada tag-bea-gamundi tag-catalina-cladera tag-federacio-socialista-de-mallorca tag-javier-de-juan tag-psib-psoe\" role=\"article\">\n\t\t<figure class=\"post-gallery\"><img loading=\"lazy\" decoding=\"async\" width=\"600\" height=\"400\" src=\"https:\/\/www.psib-psoe.org\/mallorca\/wp-content\/uploads\/Minut-silenci-DANA-1-600x400.jpeg\" class=\"attachment-notio-general-x2 size-notio-general-x2 wp-post-image\" alt=\"\" srcset=\"https:\/\/www.psib-psoe.org\/mallorca\/wp-content\/uploads\/Minut-silenci-DANA-1-600x400.jpeg 600w, https:\/\/www.psib-psoe.org\/mallorca\/wp-content\/uploads\/Minut-silenci-DANA-1-300x200.jpeg 300w, https:\/\/www.psib-psoe.org\/mallorca\/wp-content\/uploads\/Minut-silenci-DANA-1-900x600.jpeg 900w, https:\/\/www.psib-psoe.org\/mallorca\/wp-content\/uploads\/Minut-silenci-DANA-1-20x13.jpeg 20w\" sizes=\"(max-width: 600px) 100vw, 600px\" \/><\/figure>\n\t\t<div class=\"blog-top\">\n\t\t\t<header class=\"post-title entry-header\">\n\t\t\t\t<aside class=\"post-meta cf\">\n\t\t14\/11\/2024 \/ <a href=\"https:\/\/www.psib-psoe.org\/mallorca\/category\/federacio-de-mallorca\/\" rel=\"category tag\">Federaci\u00f3 de Mallorca<\/a>, <a href=\"https:\/\/www.psib-psoe.org\/mallorca\/category\/federacio-de-mallorca-portada\/\" rel=\"category tag\">Federaci\u00f3 de Mallorca - Portada<\/a>, <a href=\"https:\/\/www.psib-psoe.org\/mallorca\/category\/municipis\/\" rel=\"category tag\">Municipis<\/a>, <a href=\"https:\/\/www.psib-psoe.org\/mallorca\/category\/portada\/\" rel=\"category tag\">Portada<\/a><\/aside>\n\t\t\t\t<h3 itemprop=\"headline\"><a href=\"https:\/\/www.psib-psoe.org\/mallorca\/els-socialistes-de-mallorca-aproven-un-paquet-de-mesures-per-afavorir-lacces-a-lhabitatge-a-determinats-collectius\/\" title=\"Els Socialistes de Mallorca aproven un paquet de mesures per afavorir l\u2019acc\u00e9s a l\u2019habitatge a determinats col\u00b7lectius.\">Els Socialistes de Mallorca aproven un paquet de mesures per afavorir l\u2019acc\u00e9s a l\u2019habitatge a determinats col\u00b7lectius.<\/a><\/h3>\n\t\t\t<\/header>\n\t\t<\/div>\n\t\t<div class=\"post-content\">\n\t\t\t<a href=\"https:\/\/www.psib-psoe.org\/mallorca\/els-socialistes-de-mallorca-aproven-un-paquet-de-mesures-per-afavorir-lacces-a-lhabitatge-a-determinats-collectius\/\" class=\"more-link\">Read More<\/a>\n\t\t<\/div>\n\t\t\t<aside class=\"post-bottom-meta hide\">\n\t\t<strong rel=\"author\" itemprop=\"author\" class=\"author vcard\"><span class=\"fn\">Albert<\/span><\/strong>\n\t\t<time class=\"date published time\" datetime=\"2024-11-14T19:44:14+02:00\" itemprop=\"datePublished\" content=\"2024-11-14T19:44:14+02:00\">14\/11\/2024<\/time>\n\t\t<meta itemprop=\"dateModified\" class=\"date updated\" content=\"2024-11-14T19:44:16+02:00\">\n\t\t<span class=\"hide\" itemprop=\"publisher\" itemscope itemtype=\"https:\/\/schema.org\/Organization\">\n\t\t\t<meta itemprop=\"name\" content=\"SocialistesdMca\">\n\t\t\t<span itemprop=\"logo\" itemscope itemtype=\"https:\/\/schema.org\/ImageObject\">\n\t\t\t\t<meta itemprop=\"url\" content=\"https:\/\/www.psib-psoe.org\/mallorca\/wp-content\/themes\/notio-wp\/assets\/img\/logo.png\">\n\t\t\t<\/span>\n\t\t\t<meta itemprop=\"url\" content=\"https:\/\/www.psib-psoe.org\/mallorca\/\">\n\t\t<\/span>\n\t\t\t\t<span class=\"hide\" itemprop=\"image\" itemscope itemtype=\"http:\/\/schema.org\/ImageObject\">\n\t\t\t<meta itemprop=\"url\" content=\"https:\/\/www.psib-psoe.org\/mallorca\/wp-content\/uploads\/Minut-silenci-DANA-1.jpeg\">\n\t\t\t<meta itemprop=\"width\" content=\"2048\">\n\t\t\t<meta itemprop=\"height\" content=\"1488\">\n\t\t<\/span>\n\t\t\t\t<meta itemscope itemprop=\"mainEntityOfPage\" itemtype=\"https:\/\/schema.org\/WebPage\" itemid=\"https:\/\/www.psib-psoe.org\/mallorca\/els-socialistes-de-mallorca-aproven-un-paquet-de-mesures-per-afavorir-lacces-a-lhabitatge-a-determinats-collectius\/\">\n\t<\/aside>\n\t\t<\/article>\n<\/div>\n<div class=\"small-12 large-4 columns\">\n\t<article itemscope itemtype=\"http:\/\/schema.org\/Article\" class=\"post blog-style7 alt post-29216 type-post status-publish format-standard has-post-thumbnail hentry category-federacio-de-mallorca category-federacio-de-mallorca-portada category-municipis category-portada tag-andreu-serra tag-andreu-vidal tag-catalina-cladera tag-federacio-socialista-de-mallorca tag-javier-de-juan tag-psib-psoe\" role=\"article\">\n\t\t<figure class=\"post-gallery\"><img loading=\"lazy\" decoding=\"async\" width=\"600\" height=\"400\" src=\"https:\/\/www.psib-psoe.org\/mallorca\/wp-content\/uploads\/Ple-141124-600x400.jpeg\" class=\"attachment-notio-general-x2 size-notio-general-x2 wp-post-image\" alt=\"\" srcset=\"https:\/\/www.psib-psoe.org\/mallorca\/wp-content\/uploads\/Ple-141124-600x400.jpeg 600w, https:\/\/www.psib-psoe.org\/mallorca\/wp-content\/uploads\/Ple-141124-300x200.jpeg 300w, https:\/\/www.psib-psoe.org\/mallorca\/wp-content\/uploads\/Ple-141124-900x600.jpeg 900w, https:\/\/www.psib-psoe.org\/mallorca\/wp-content\/uploads\/Ple-141124-20x13.jpeg 20w\" sizes=\"(max-width: 600px) 100vw, 600px\" \/><\/figure>\n\t\t<div class=\"blog-top\">\n\t\t\t<header class=\"post-title entry-header\">\n\t\t\t\t<aside class=\"post-meta cf\">\n\t\t14\/11\/2024 \/ <a href=\"https:\/\/www.psib-psoe.org\/mallorca\/category\/federacio-de-mallorca\/\" rel=\"category tag\">Federaci\u00f3 de Mallorca<\/a>, <a href=\"https:\/\/www.psib-psoe.org\/mallorca\/category\/federacio-de-mallorca-portada\/\" rel=\"category tag\">Federaci\u00f3 de Mallorca - Portada<\/a>, <a href=\"https:\/\/www.psib-psoe.org\/mallorca\/category\/municipis\/\" rel=\"category tag\">Municipis<\/a>, <a href=\"https:\/\/www.psib-psoe.org\/mallorca\/category\/portada\/\" rel=\"category tag\">Portada<\/a><\/aside>\n\t\t\t\t<h3 itemprop=\"headline\"><a href=\"https:\/\/www.psib-psoe.org\/mallorca\/el-ple-del-consell-insta-al-departament-de-turisme-a-fer-complir-les-sentencies-judicials-fermes-contra-els-establiments-turistics-que-incompleixen-la-normativa-com-el-de-sa-talaia-blanca\/\" title=\"El ple del Consell insta al departament de Turisme a fer complir les sent\u00e8ncies judicials fermes contra els establiments tur\u00edstics que incompleixen la normativa com el de Sa Talaia Blanca.\">El ple del Consell insta al departament de Turisme a fer complir les sent\u00e8ncies judicials fermes contra els establiments tur\u00edstics que incompleixen la normativa com el de Sa Talaia Blanca.<\/a><\/h3>\n\t\t\t<\/header>\n\t\t<\/div>\n\t\t<div class=\"post-content\">\n\t\t\t<a href=\"https:\/\/www.psib-psoe.org\/mallorca\/el-ple-del-consell-insta-al-departament-de-turisme-a-fer-complir-les-sentencies-judicials-fermes-contra-els-establiments-turistics-que-incompleixen-la-normativa-com-el-de-sa-talaia-blanca\/\" class=\"more-link\">Read More<\/a>\n\t\t<\/div>\n\t\t\t<aside class=\"post-bottom-meta hide\">\n\t\t<strong rel=\"author\" itemprop=\"author\" class=\"author vcard\"><span class=\"fn\">Albert<\/span><\/strong>\n\t\t<time class=\"date published time\" datetime=\"2024-11-14T18:08:39+02:00\" itemprop=\"datePublished\" content=\"2024-11-14T18:08:39+02:00\">14\/11\/2024<\/time>\n\t\t<meta itemprop=\"dateModified\" class=\"date updated\" content=\"2024-11-14T18:08:39+02:00\">\n\t\t<span class=\"hide\" itemprop=\"publisher\" itemscope itemtype=\"https:\/\/schema.org\/Organization\">\n\t\t\t<meta itemprop=\"name\" content=\"SocialistesdMca\">\n\t\t\t<span itemprop=\"logo\" itemscope itemtype=\"https:\/\/schema.org\/ImageObject\">\n\t\t\t\t<meta itemprop=\"url\" content=\"https:\/\/www.psib-psoe.org\/mallorca\/wp-content\/themes\/notio-wp\/assets\/img\/logo.png\">\n\t\t\t<\/span>\n\t\t\t<meta itemprop=\"url\" content=\"https:\/\/www.psib-psoe.org\/mallorca\/\">\n\t\t<\/span>\n\t\t\t\t<span class=\"hide\" itemprop=\"image\" itemscope itemtype=\"http:\/\/schema.org\/ImageObject\">\n\t\t\t<meta itemprop=\"url\" content=\"https:\/\/www.psib-psoe.org\/mallorca\/wp-content\/uploads\/Ple-141124-scaled.jpeg\">\n\t\t\t<meta itemprop=\"width\" content=\"2560\">\n\t\t\t<meta itemprop=\"height\" content=\"1920\">\n\t\t<\/span>\n\t\t\t\t<meta itemscope itemprop=\"mainEntityOfPage\" itemtype=\"https:\/\/schema.org\/WebPage\" itemid=\"https:\/\/www.psib-psoe.org\/mallorca\/el-ple-del-consell-insta-al-departament-de-turisme-a-fer-complir-les-sentencies-judicials-fermes-contra-els-establiments-turistics-que-incompleixen-la-normativa-com-el-de-sa-talaia-blanca\/\">\n\t<\/aside>\n\t\t<\/article>\n<\/div>\n<div class=\"small-12 large-4 columns\">\n\t<article itemscope itemtype=\"http:\/\/schema.org\/Article\" class=\"post blog-style7 alt post-29211 type-post status-publish format-standard has-post-thumbnail hentry category-consell-de-mallorca category-federacio-de-mallorca category-federacio-de-mallorca-portada category-portada tag-andreu-serra tag-bea-gamundi tag-biel-alomar tag-catalina-cladera tag-federacio-socialista-de-mallorca tag-javier-de-juan tag-joan-ferrer tag-juana-m-adrover tag-maria-antonia-truyols tag-sofia-alonso\" role=\"article\">\n\t\t<figure class=\"post-gallery\"><img loading=\"lazy\" decoding=\"async\" width=\"600\" height=\"400\" src=\"https:\/\/www.psib-psoe.org\/mallorca\/wp-content\/uploads\/Foto-rdp-pressupostos-131124-600x400.jpeg\" class=\"attachment-notio-general-x2 size-notio-general-x2 wp-post-image\" alt=\"\" srcset=\"https:\/\/www.psib-psoe.org\/mallorca\/wp-content\/uploads\/Foto-rdp-pressupostos-131124-600x400.jpeg 600w, https:\/\/www.psib-psoe.org\/mallorca\/wp-content\/uploads\/Foto-rdp-pressupostos-131124-300x200.jpeg 300w, https:\/\/www.psib-psoe.org\/mallorca\/wp-content\/uploads\/Foto-rdp-pressupostos-131124-900x600.jpeg 900w, https:\/\/www.psib-psoe.org\/mallorca\/wp-content\/uploads\/Foto-rdp-pressupostos-131124-20x13.jpeg 20w\" sizes=\"(max-width: 600px) 100vw, 600px\" \/><\/figure>\n\t\t<div class=\"blog-top\">\n\t\t\t<header class=\"post-title entry-header\">\n\t\t\t\t<aside class=\"post-meta cf\">\n\t\t13\/11\/2024 \/ <a href=\"https:\/\/www.psib-psoe.org\/mallorca\/category\/consell-de-mallorca\/\" rel=\"category tag\">Consell de Mallorca<\/a>, <a href=\"https:\/\/www.psib-psoe.org\/mallorca\/category\/federacio-de-mallorca\/\" rel=\"category tag\">Federaci\u00f3 de Mallorca<\/a>, <a href=\"https:\/\/www.psib-psoe.org\/mallorca\/category\/federacio-de-mallorca-portada\/\" rel=\"category tag\">Federaci\u00f3 de Mallorca - Portada<\/a>, <a href=\"https:\/\/www.psib-psoe.org\/mallorca\/category\/portada\/\" rel=\"category tag\">Portada<\/a><\/aside>\n\t\t\t\t<h3 itemprop=\"headline\"><a href=\"https:\/\/www.psib-psoe.org\/mallorca\/galmes-cedeix-davant-prohens-i-accepta-una-rebaixa-de-30-milions-deuros-de-laportacio-del-govern-pel-pressupost-2025-del-consell\/\" title=\"Galm\u00e9s cedeix davant Prohens i accepta una rebaixa de 30 milions d\u2019euros de l\u2019aportaci\u00f3 del Govern pel pressupost 2025 del Consell.\">Galm\u00e9s cedeix davant Prohens i accepta una rebaixa de 30 milions d\u2019euros de l\u2019aportaci\u00f3 del Govern pel pressupost 2025 del Consell.<\/a><\/h3>\n\t\t\t<\/header>\n\t\t<\/div>\n\t\t<div class=\"post-content\">\n\t\t\t<a href=\"https:\/\/www.psib-psoe.org\/mallorca\/galmes-cedeix-davant-prohens-i-accepta-una-rebaixa-de-30-milions-deuros-de-laportacio-del-govern-pel-pressupost-2025-del-consell\/\" class=\"more-link\">Read More<\/a>\n\t\t<\/div>\n\t\t\t<aside class=\"post-bottom-meta hide\">\n\t\t<strong rel=\"author\" itemprop=\"author\" class=\"author vcard\"><span class=\"fn\">Albert<\/span><\/strong>\n\t\t<time class=\"date published time\" datetime=\"2024-11-13T15:04:22+02:00\" itemprop=\"datePublished\" content=\"2024-11-13T15:04:22+02:00\">13\/11\/2024<\/time>\n\t\t<meta itemprop=\"dateModified\" class=\"date updated\" content=\"2024-11-13T15:04:24+02:00\">\n\t\t<span class=\"hide\" itemprop=\"publisher\" itemscope itemtype=\"https:\/\/schema.org\/Organization\">\n\t\t\t<meta itemprop=\"name\" content=\"SocialistesdMca\">\n\t\t\t<span itemprop=\"logo\" itemscope itemtype=\"https:\/\/schema.org\/ImageObject\">\n\t\t\t\t<meta itemprop=\"url\" content=\"https:\/\/www.psib-psoe.org\/mallorca\/wp-content\/themes\/notio-wp\/assets\/img\/logo.png\">\n\t\t\t<\/span>\n\t\t\t<meta itemprop=\"url\" content=\"https:\/\/www.psib-psoe.org\/mallorca\/\">\n\t\t<\/span>\n\t\t\t\t<span class=\"hide\" itemprop=\"image\" itemscope itemtype=\"http:\/\/schema.org\/ImageObject\">\n\t\t\t<meta itemprop=\"url\" content=\"https:\/\/www.psib-psoe.org\/mallorca\/wp-content\/uploads\/Foto-rdp-pressupostos-131124.jpeg\">\n\t\t\t<meta itemprop=\"width\" content=\"2560\">\n\t\t\t<meta itemprop=\"height\" content=\"1920\">\n\t\t<\/span>\n\t\t\t\t<meta itemscope itemprop=\"mainEntityOfPage\" itemtype=\"https:\/\/schema.org\/WebPage\" itemid=\"https:\/\/www.psib-psoe.org\/mallorca\/galmes-cedeix-davant-prohens-i-accepta-una-rebaixa-de-30-milions-deuros-de-laportacio-del-govern-pel-pressupost-2025-del-consell\/\">\n\t<\/aside>\n\t\t<\/article>\n<\/div>\n<div class=\"small-12 large-4 columns\">\n\t<article itemscope itemtype=\"http:\/\/schema.org\/Article\" class=\"post blog-style7 alt post-29208 type-post status-publish format-standard has-post-thumbnail hentry category-consell-de-mallorca category-federacio-de-mallorca category-federacio-de-mallorca-portada category-portada tag-catalina-cladera tag-federacio-socialista-de-mallorca tag-francesc-ducros tag-javier-de-juan tag-mallorca\" role=\"article\">\n\t\t<figure class=\"post-gallery\"><img loading=\"lazy\" decoding=\"async\" width=\"600\" height=\"400\" src=\"https:\/\/www.psib-psoe.org\/mallorca\/wp-content\/uploads\/Foto-Sensallarisme-131124-600x400.jpeg\" class=\"attachment-notio-general-x2 size-notio-general-x2 wp-post-image\" alt=\"\" srcset=\"https:\/\/www.psib-psoe.org\/mallorca\/wp-content\/uploads\/Foto-Sensallarisme-131124-600x400.jpeg 600w, https:\/\/www.psib-psoe.org\/mallorca\/wp-content\/uploads\/Foto-Sensallarisme-131124-300x200.jpeg 300w, https:\/\/www.psib-psoe.org\/mallorca\/wp-content\/uploads\/Foto-Sensallarisme-131124-900x600.jpeg 900w, https:\/\/www.psib-psoe.org\/mallorca\/wp-content\/uploads\/Foto-Sensallarisme-131124-20x13.jpeg 20w\" sizes=\"(max-width: 600px) 100vw, 600px\" \/><\/figure>\n\t\t<div class=\"blog-top\">\n\t\t\t<header class=\"post-title entry-header\">\n\t\t\t\t<aside class=\"post-meta cf\">\n\t\t13\/11\/2024 \/ <a href=\"https:\/\/www.psib-psoe.org\/mallorca\/category\/consell-de-mallorca\/\" rel=\"category tag\">Consell de Mallorca<\/a>, <a href=\"https:\/\/www.psib-psoe.org\/mallorca\/category\/federacio-de-mallorca\/\" rel=\"category tag\">Federaci\u00f3 de Mallorca<\/a>, <a href=\"https:\/\/www.psib-psoe.org\/mallorca\/category\/federacio-de-mallorca-portada\/\" rel=\"category tag\">Federaci\u00f3 de Mallorca - Portada<\/a>, <a href=\"https:\/\/www.psib-psoe.org\/mallorca\/category\/portada\/\" rel=\"category tag\">Portada<\/a><\/aside>\n\t\t\t\t<h3 itemprop=\"headline\"><a href=\"https:\/\/www.psib-psoe.org\/mallorca\/els-socialistes-presenten-una-bateria-de-mesures-per-combatre-el-sensellarisme-i-palliar-la-dificultat-en-lacces-a-lhabitatge\/\" title=\"Els Socialistes presenten una bateria de mesures per combatre el sensellarisme i pal\u00b7liar la dificultat en l\u2019acc\u00e9s a l\u2019habitatge.\">Els Socialistes presenten una bateria de mesures per combatre el sensellarisme i pal\u00b7liar la dificultat en l\u2019acc\u00e9s a l\u2019habitatge.<\/a><\/h3>\n\t\t\t<\/header>\n\t\t<\/div>\n\t\t<div class=\"post-content\">\n\t\t\t<a href=\"https:\/\/www.psib-psoe.org\/mallorca\/els-socialistes-presenten-una-bateria-de-mesures-per-combatre-el-sensellarisme-i-palliar-la-dificultat-en-lacces-a-lhabitatge\/\" class=\"more-link\">Read More<\/a>\n\t\t<\/div>\n\t\t\t<aside class=\"post-bottom-meta hide\">\n\t\t<strong rel=\"author\" itemprop=\"author\" class=\"author vcard\"><span class=\"fn\">Albert<\/span><\/strong>\n\t\t<time class=\"date published time\" datetime=\"2024-11-13T12:05:09+02:00\" itemprop=\"datePublished\" content=\"2024-11-13T12:05:09+02:00\">13\/11\/2024<\/time>\n\t\t<meta itemprop=\"dateModified\" class=\"date updated\" content=\"2024-11-13T12:05:13+02:00\">\n\t\t<span class=\"hide\" itemprop=\"publisher\" itemscope itemtype=\"https:\/\/schema.org\/Organization\">\n\t\t\t<meta itemprop=\"name\" content=\"SocialistesdMca\">\n\t\t\t<span itemprop=\"logo\" itemscope itemtype=\"https:\/\/schema.org\/ImageObject\">\n\t\t\t\t<meta itemprop=\"url\" content=\"https:\/\/www.psib-psoe.org\/mallorca\/wp-content\/themes\/notio-wp\/assets\/img\/logo.png\">\n\t\t\t<\/span>\n\t\t\t<meta itemprop=\"url\" content=\"https:\/\/www.psib-psoe.org\/mallorca\/\">\n\t\t<\/span>\n\t\t\t\t<span class=\"hide\" itemprop=\"image\" itemscope itemtype=\"http:\/\/schema.org\/ImageObject\">\n\t\t\t<meta itemprop=\"url\" content=\"https:\/\/www.psib-psoe.org\/mallorca\/wp-content\/uploads\/Foto-Sensallarisme-131124.jpeg\">\n\t\t\t<meta itemprop=\"width\" content=\"2560\">\n\t\t\t<meta itemprop=\"height\" content=\"1920\">\n\t\t<\/span>\n\t\t\t\t<meta itemscope itemprop=\"mainEntityOfPage\" itemtype=\"https:\/\/schema.org\/WebPage\" itemid=\"https:\/\/www.psib-psoe.org\/mallorca\/els-socialistes-presenten-una-bateria-de-mesures-per-combatre-el-sensellarisme-i-palliar-la-dificultat-en-lacces-a-lhabitatge\/\">\n\t<\/aside>\n\t\t<\/article>\n<\/div>\n<div class=\"small-12 large-4 columns\">\n\t<article itemscope itemtype=\"http:\/\/schema.org\/Article\" class=\"post blog-style7 alt post-29205 type-post status-publish format-standard has-post-thumbnail hentry category-consell-de-mallorca category-federacio-de-mallorca category-federacio-de-mallorca-portada category-portada tag-catalina-cladera tag-federacio-socialista-de-mallorca tag-mallorca tag-psib-psoe\" role=\"article\">\n\t\t<figure class=\"post-gallery\"><img loading=\"lazy\" decoding=\"async\" width=\"600\" height=\"400\" src=\"https:\/\/www.psib-psoe.org\/mallorca\/wp-content\/uploads\/121124_Javier-de-Juan-i-Catalina-Cladera-600x400.jpg\" class=\"attachment-notio-general-x2 size-notio-general-x2 wp-post-image\" alt=\"\" srcset=\"https:\/\/www.psib-psoe.org\/mallorca\/wp-content\/uploads\/121124_Javier-de-Juan-i-Catalina-Cladera-600x400.jpg 600w, https:\/\/www.psib-psoe.org\/mallorca\/wp-content\/uploads\/121124_Javier-de-Juan-i-Catalina-Cladera-300x200.jpg 300w, https:\/\/www.psib-psoe.org\/mallorca\/wp-content\/uploads\/121124_Javier-de-Juan-i-Catalina-Cladera-900x600.jpg 900w, https:\/\/www.psib-psoe.org\/mallorca\/wp-content\/uploads\/121124_Javier-de-Juan-i-Catalina-Cladera-20x13.jpg 20w\" sizes=\"(max-width: 600px) 100vw, 600px\" \/><\/figure>\n\t\t<div class=\"blog-top\">\n\t\t\t<header class=\"post-title entry-header\">\n\t\t\t\t<aside class=\"post-meta cf\">\n\t\t12\/11\/2024 \/ <a href=\"https:\/\/www.psib-psoe.org\/mallorca\/category\/consell-de-mallorca\/\" rel=\"category tag\">Consell de Mallorca<\/a>, <a href=\"https:\/\/www.psib-psoe.org\/mallorca\/category\/federacio-de-mallorca\/\" rel=\"category tag\">Federaci\u00f3 de Mallorca<\/a>, <a href=\"https:\/\/www.psib-psoe.org\/mallorca\/category\/federacio-de-mallorca-portada\/\" rel=\"category tag\">Federaci\u00f3 de Mallorca - Portada<\/a>, <a href=\"https:\/\/www.psib-psoe.org\/mallorca\/category\/portada\/\" rel=\"category tag\">Portada<\/a><\/aside>\n\t\t\t\t<h3 itemprop=\"headline\"><a href=\"https:\/\/www.psib-psoe.org\/mallorca\/el-grup-socialista-al-consell-de-mallorca-exigeix-al-pp-que-apliqui-totes-les-mesures-com-la-gratuitat-del-transport-public-que-proposa-lestudi-de-carrega-per-reduir-la-saturacio-a-les-carr\/\" title=\"El Grup Socialista al Consell de Mallorca exigeix al PP que apliqui totes les mesures, com la gratu\u00eftat del transport p\u00fablic, que proposa l\u2019estudi de c\u00e0rrega per reduir la saturaci\u00f3 a les carreteres de Mallorca\">El Grup Socialista al Consell de Mallorca exigeix al PP que apliqui totes les mesures, com la gratu\u00eftat del transport p\u00fablic, que proposa l\u2019estudi de c\u00e0rrega per reduir la saturaci\u00f3 a les carreteres de Mallorca<\/a><\/h3>\n\t\t\t<\/header>\n\t\t<\/div>\n\t\t<div class=\"post-content\">\n\t\t\t<a href=\"https:\/\/www.psib-psoe.org\/mallorca\/el-grup-socialista-al-consell-de-mallorca-exigeix-al-pp-que-apliqui-totes-les-mesures-com-la-gratuitat-del-transport-public-que-proposa-lestudi-de-carrega-per-reduir-la-saturacio-a-les-carr\/\" class=\"more-link\">Read More<\/a>\n\t\t<\/div>\n\t\t\t<aside class=\"post-bottom-meta hide\">\n\t\t<strong rel=\"author\" itemprop=\"author\" class=\"author vcard\"><span class=\"fn\">Socialistes de Mallorca<\/span><\/strong>\n\t\t<time class=\"date published time\" datetime=\"2024-11-12T15:58:58+02:00\" itemprop=\"datePublished\" content=\"2024-11-12T15:58:58+02:00\">12\/11\/2024<\/time>\n\t\t<meta itemprop=\"dateModified\" class=\"date updated\" content=\"2024-11-12T15:58:59+02:00\">\n\t\t<span class=\"hide\" itemprop=\"publisher\" itemscope itemtype=\"https:\/\/schema.org\/Organization\">\n\t\t\t<meta itemprop=\"name\" content=\"SocialistesdMca\">\n\t\t\t<span itemprop=\"logo\" itemscope itemtype=\"https:\/\/schema.org\/ImageObject\">\n\t\t\t\t<meta itemprop=\"url\" content=\"https:\/\/www.psib-psoe.org\/mallorca\/wp-content\/themes\/notio-wp\/assets\/img\/logo.png\">\n\t\t\t<\/span>\n\t\t\t<meta itemprop=\"url\" content=\"https:\/\/www.psib-psoe.org\/mallorca\/\">\n\t\t<\/span>\n\t\t\t\t<span class=\"hide\" itemprop=\"image\" itemscope itemtype=\"http:\/\/schema.org\/ImageObject\">\n\t\t\t<meta itemprop=\"url\" content=\"https:\/\/www.psib-psoe.org\/mallorca\/wp-content\/uploads\/121124_Javier-de-Juan-i-Catalina-Cladera-scaled.jpg\">\n\t\t\t<meta itemprop=\"width\" content=\"2560\">\n\t\t\t<meta itemprop=\"height\" content=\"1920\">\n\t\t<\/span>\n\t\t\t\t<meta itemscope itemprop=\"mainEntityOfPage\" itemtype=\"https:\/\/schema.org\/WebPage\" itemid=\"https:\/\/www.psib-psoe.org\/mallorca\/el-grup-socialista-al-consell-de-mallorca-exigeix-al-pp-que-apliqui-totes-les-mesures-com-la-gratuitat-del-transport-public-que-proposa-lestudi-de-carrega-per-reduir-la-saturacio-a-les-carr\/\">\n\t<\/aside>\n\t\t<\/article>\n<\/div>\n<div class=\"small-12 large-4 columns\">\n\t<article itemscope itemtype=\"http:\/\/schema.org\/Article\" class=\"post blog-style7 alt post-29199 type-post status-publish format-standard has-post-thumbnail hentry category-federacio-de-mallorca category-federacio-de-mallorca-portada category-municipis category-portada tag-agrupacio-socialista-de-llucmajor tag-federacio-socialista-de-mallorca tag-jaume-j-oliver tag-psib-psoe\" role=\"article\">\n\t\t<figure class=\"post-gallery\"><img loading=\"lazy\" decoding=\"async\" width=\"600\" height=\"400\" src=\"https:\/\/www.psib-psoe.org\/mallorca\/wp-content\/uploads\/Foto-Llucmajor-111124-600x400.jpeg\" class=\"attachment-notio-general-x2 size-notio-general-x2 wp-post-image\" alt=\"\" srcset=\"https:\/\/www.psib-psoe.org\/mallorca\/wp-content\/uploads\/Foto-Llucmajor-111124-600x400.jpeg 600w, https:\/\/www.psib-psoe.org\/mallorca\/wp-content\/uploads\/Foto-Llucmajor-111124-300x200.jpeg 300w, https:\/\/www.psib-psoe.org\/mallorca\/wp-content\/uploads\/Foto-Llucmajor-111124-900x600.jpeg 900w, https:\/\/www.psib-psoe.org\/mallorca\/wp-content\/uploads\/Foto-Llucmajor-111124-20x13.jpeg 20w\" sizes=\"(max-width: 600px) 100vw, 600px\" \/><\/figure>\n\t\t<div class=\"blog-top\">\n\t\t\t<header class=\"post-title entry-header\">\n\t\t\t\t<aside class=\"post-meta cf\">\n\t\t12\/11\/2024 \/ <a href=\"https:\/\/www.psib-psoe.org\/mallorca\/category\/federacio-de-mallorca\/\" rel=\"category tag\">Federaci\u00f3 de Mallorca<\/a>, <a href=\"https:\/\/www.psib-psoe.org\/mallorca\/category\/federacio-de-mallorca-portada\/\" rel=\"category tag\">Federaci\u00f3 de Mallorca - Portada<\/a>, <a href=\"https:\/\/www.psib-psoe.org\/mallorca\/category\/municipis\/\" rel=\"category tag\">Municipis<\/a>, <a href=\"https:\/\/www.psib-psoe.org\/mallorca\/category\/portada\/\" rel=\"category tag\">Portada<\/a><\/aside>\n\t\t\t\t<h3 itemprop=\"headline\"><a href=\"https:\/\/www.psib-psoe.org\/mallorca\/loposicio-de-llucmajor-denuncia-la-inaccio-del-govern-municipal-davant-la-crisi-de-la-recollida-dels-fems\/\" title=\"L&#8217;oposici\u00f3 de Llucmajor denuncia la inacci\u00f3 del govern municipal davant la crisi de la recollida dels fems.\">L&#8217;oposici\u00f3 de Llucmajor denuncia la inacci\u00f3 del govern municipal davant la crisi de la recollida dels fems.<\/a><\/h3>\n\t\t\t<\/header>\n\t\t<\/div>\n\t\t<div class=\"post-content\">\n\t\t\t<a href=\"https:\/\/www.psib-psoe.org\/mallorca\/loposicio-de-llucmajor-denuncia-la-inaccio-del-govern-municipal-davant-la-crisi-de-la-recollida-dels-fems\/\" class=\"more-link\">Read More<\/a>\n\t\t<\/div>\n\t\t\t<aside class=\"post-bottom-meta hide\">\n\t\t<strong rel=\"author\" itemprop=\"author\" class=\"author vcard\"><span class=\"fn\">Albert<\/span><\/strong>\n\t\t<time class=\"date published time\" datetime=\"2024-11-12T12:15:19+02:00\" itemprop=\"datePublished\" content=\"2024-11-12T12:15:19+02:00\">12\/11\/2024<\/time>\n\t\t<meta itemprop=\"dateModified\" class=\"date updated\" content=\"2024-11-12T12:15:22+02:00\">\n\t\t<span class=\"hide\" itemprop=\"publisher\" itemscope itemtype=\"https:\/\/schema.org\/Organization\">\n\t\t\t<meta itemprop=\"name\" content=\"SocialistesdMca\">\n\t\t\t<span itemprop=\"logo\" itemscope itemtype=\"https:\/\/schema.org\/ImageObject\">\n\t\t\t\t<meta itemprop=\"url\" content=\"https:\/\/www.psib-psoe.org\/mallorca\/wp-content\/themes\/notio-wp\/assets\/img\/logo.png\">\n\t\t\t<\/span>\n\t\t\t<meta itemprop=\"url\" content=\"https:\/\/www.psib-psoe.org\/mallorca\/\">\n\t\t<\/span>\n\t\t\t\t<span class=\"hide\" itemprop=\"image\" itemscope itemtype=\"http:\/\/schema.org\/ImageObject\">\n\t\t\t<meta itemprop=\"url\" content=\"https:\/\/www.psib-psoe.org\/mallorca\/wp-content\/uploads\/Foto-Llucmajor-111124.jpeg\">\n\t\t\t<meta itemprop=\"width\" content=\"2048\">\n\t\t\t<meta itemprop=\"height\" content=\"1536\">\n\t\t<\/span>\n\t\t\t\t<meta itemscope itemprop=\"mainEntityOfPage\" itemtype=\"https:\/\/schema.org\/WebPage\" itemid=\"https:\/\/www.psib-psoe.org\/mallorca\/loposicio-de-llucmajor-denuncia-la-inaccio-del-govern-municipal-davant-la-crisi-de-la-recollida-dels-fems\/\">\n\t<\/aside>\n\t\t<\/article>\n<\/div>\n<div class=\"small-12 large-4 columns\">\n\t<article itemscope itemtype=\"http:\/\/schema.org\/Article\" class=\"post blog-style7 alt post-29195 type-post status-publish format-standard has-post-thumbnail hentry category-federacio-de-mallorca category-federacio-de-mallorca-portada category-municipis category-portada tag-arrelam tag-federacio-socialista-de-mallorca tag-psib-psoe\" role=\"article\">\n\t\t<figure class=\"post-gallery\"><img loading=\"lazy\" decoding=\"async\" width=\"600\" height=\"400\" src=\"https:\/\/www.psib-psoe.org\/mallorca\/wp-content\/uploads\/d3ea146a-0182-4444-989f-16084b3ded0b-600x400.jpg\" class=\"attachment-notio-general-x2 size-notio-general-x2 wp-post-image\" alt=\"\" srcset=\"https:\/\/www.psib-psoe.org\/mallorca\/wp-content\/uploads\/d3ea146a-0182-4444-989f-16084b3ded0b-600x400.jpg 600w, https:\/\/www.psib-psoe.org\/mallorca\/wp-content\/uploads\/d3ea146a-0182-4444-989f-16084b3ded0b-300x200.jpg 300w, https:\/\/www.psib-psoe.org\/mallorca\/wp-content\/uploads\/d3ea146a-0182-4444-989f-16084b3ded0b-900x600.jpg 900w, https:\/\/www.psib-psoe.org\/mallorca\/wp-content\/uploads\/d3ea146a-0182-4444-989f-16084b3ded0b-20x13.jpg 20w\" sizes=\"(max-width: 600px) 100vw, 600px\" \/><\/figure>\n\t\t<div class=\"blog-top\">\n\t\t\t<header class=\"post-title entry-header\">\n\t\t\t\t<aside class=\"post-meta cf\">\n\t\t11\/11\/2024 \/ <a href=\"https:\/\/www.psib-psoe.org\/mallorca\/category\/federacio-de-mallorca\/\" rel=\"category tag\">Federaci\u00f3 de Mallorca<\/a>, <a href=\"https:\/\/www.psib-psoe.org\/mallorca\/category\/federacio-de-mallorca-portada\/\" rel=\"category tag\">Federaci\u00f3 de Mallorca - Portada<\/a>, <a href=\"https:\/\/www.psib-psoe.org\/mallorca\/category\/municipis\/\" rel=\"category tag\">Municipis<\/a>, <a href=\"https:\/\/www.psib-psoe.org\/mallorca\/category\/portada\/\" rel=\"category tag\">Portada<\/a><\/aside>\n\t\t\t\t<h3 itemprop=\"headline\"><a href=\"https:\/\/www.psib-psoe.org\/mallorca\/els-socialistes-de-maria-de-la-salut-insten-lajuntament-a-que-anulli-lacord-de-compra-dun-terreny-rustic-sense-serveis-per-a-fer-hi-un-aparcament\/\" title=\"Els Socialistes de Maria de la Salut insten l\u2019Ajuntament a que anul\u00b7li l\u2019acord de compra d\u2019un terreny r\u00fastic sense serveis per a fer-hi un aparcament\">Els Socialistes de Maria de la Salut insten l\u2019Ajuntament a que anul\u00b7li l\u2019acord de compra d\u2019un terreny r\u00fastic sense serveis per a fer-hi un aparcament<\/a><\/h3>\n\t\t\t<\/header>\n\t\t<\/div>\n\t\t<div class=\"post-content\">\n\t\t\t<a href=\"https:\/\/www.psib-psoe.org\/mallorca\/els-socialistes-de-maria-de-la-salut-insten-lajuntament-a-que-anulli-lacord-de-compra-dun-terreny-rustic-sense-serveis-per-a-fer-hi-un-aparcament\/\" class=\"more-link\">Read More<\/a>\n\t\t<\/div>\n\t\t\t<aside class=\"post-bottom-meta hide\">\n\t\t<strong rel=\"author\" itemprop=\"author\" class=\"author vcard\"><span class=\"fn\">Socialistes de Mallorca<\/span><\/strong>\n\t\t<time class=\"date published time\" datetime=\"2024-11-11T13:07:29+02:00\" itemprop=\"datePublished\" content=\"2024-11-11T13:07:29+02:00\">11\/11\/2024<\/time>\n\t\t<meta itemprop=\"dateModified\" class=\"date updated\" content=\"2024-11-11T13:07:30+02:00\">\n\t\t<span class=\"hide\" itemprop=\"publisher\" itemscope itemtype=\"https:\/\/schema.org\/Organization\">\n\t\t\t<meta itemprop=\"name\" content=\"SocialistesdMca\">\n\t\t\t<span itemprop=\"logo\" itemscope itemtype=\"https:\/\/schema.org\/ImageObject\">\n\t\t\t\t<meta itemprop=\"url\" content=\"https:\/\/www.psib-psoe.org\/mallorca\/wp-content\/themes\/notio-wp\/assets\/img\/logo.png\">\n\t\t\t<\/span>\n\t\t\t<meta itemprop=\"url\" content=\"https:\/\/www.psib-psoe.org\/mallorca\/\">\n\t\t<\/span>\n\t\t\t\t<span class=\"hide\" itemprop=\"image\" itemscope itemtype=\"http:\/\/schema.org\/ImageObject\">\n\t\t\t<meta itemprop=\"url\" content=\"https:\/\/www.psib-psoe.org\/mallorca\/wp-content\/uploads\/d3ea146a-0182-4444-989f-16084b3ded0b.jpg\">\n\t\t\t<meta itemprop=\"width\" content=\"1600\">\n\t\t\t<meta itemprop=\"height\" content=\"721\">\n\t\t<\/span>\n\t\t\t\t<meta itemscope itemprop=\"mainEntityOfPage\" itemtype=\"https:\/\/schema.org\/WebPage\" itemid=\"https:\/\/www.psib-psoe.org\/mallorca\/els-socialistes-de-maria-de-la-salut-insten-lajuntament-a-que-anulli-lacord-de-compra-dun-terreny-rustic-sense-serveis-per-a-fer-hi-un-aparcament\/\">\n\t<\/aside>\n\t\t<\/article>\n<\/div>\n<div class=\"small-12 large-4 columns\">\n\t<article itemscope itemtype=\"http:\/\/schema.org\/Article\" class=\"post blog-style7 alt post-29190 type-post status-publish format-standard has-post-thumbnail hentry category-federacio-de-mallorca category-federacio-de-mallorca-portada category-municipis category-portada tag-arrelam tag-federacio-socialista-de-mallorca tag-psib-psoe\" role=\"article\">\n\t\t<figure class=\"post-gallery\"><img loading=\"lazy\" decoding=\"async\" width=\"600\" height=\"400\" src=\"https:\/\/www.psib-psoe.org\/mallorca\/wp-content\/uploads\/ARRELAM_LOGO_ENVIAR-1-4-600x400.jpg\" class=\"attachment-notio-general-x2 size-notio-general-x2 wp-post-image\" alt=\"\" srcset=\"https:\/\/www.psib-psoe.org\/mallorca\/wp-content\/uploads\/ARRELAM_LOGO_ENVIAR-1-4-600x400.jpg 600w, https:\/\/www.psib-psoe.org\/mallorca\/wp-content\/uploads\/ARRELAM_LOGO_ENVIAR-1-4-300x200.jpg 300w, https:\/\/www.psib-psoe.org\/mallorca\/wp-content\/uploads\/ARRELAM_LOGO_ENVIAR-1-4-900x600.jpg 900w, https:\/\/www.psib-psoe.org\/mallorca\/wp-content\/uploads\/ARRELAM_LOGO_ENVIAR-1-4-20x13.jpg 20w\" sizes=\"(max-width: 600px) 100vw, 600px\" \/><\/figure>\n\t\t<div class=\"blog-top\">\n\t\t\t<header class=\"post-title entry-header\">\n\t\t\t\t<aside class=\"post-meta cf\">\n\t\t08\/11\/2024 \/ <a href=\"https:\/\/www.psib-psoe.org\/mallorca\/category\/federacio-de-mallorca\/\" rel=\"category tag\">Federaci\u00f3 de Mallorca<\/a>, <a href=\"https:\/\/www.psib-psoe.org\/mallorca\/category\/federacio-de-mallorca-portada\/\" rel=\"category tag\">Federaci\u00f3 de Mallorca - Portada<\/a>, <a href=\"https:\/\/www.psib-psoe.org\/mallorca\/category\/municipis\/\" rel=\"category tag\">Municipis<\/a>, <a href=\"https:\/\/www.psib-psoe.org\/mallorca\/category\/portada\/\" rel=\"category tag\">Portada<\/a><\/aside>\n\t\t\t\t<h3 itemprop=\"headline\"><a href=\"https:\/\/www.psib-psoe.org\/mallorca\/arrelam-mes-psib-psoe-denuncia-que-el-pp-aprovi-els-pressupostos-de-selva-de-2024-quan-falta-un-mes-i-mig-per-acabar-lany\/\" title=\"Arrelam (M\u00c9S-PSIB PSOE) denuncia que el PP aprovi els pressupostos de Selva de 2024 quan falta un mes i mig per acabar l\u2019any\">Arrelam (M\u00c9S-PSIB PSOE) denuncia que el PP aprovi els pressupostos de Selva de 2024 quan falta un mes i mig per acabar l\u2019any<\/a><\/h3>\n\t\t\t<\/header>\n\t\t<\/div>\n\t\t<div class=\"post-content\">\n\t\t\t<a href=\"https:\/\/www.psib-psoe.org\/mallorca\/arrelam-mes-psib-psoe-denuncia-que-el-pp-aprovi-els-pressupostos-de-selva-de-2024-quan-falta-un-mes-i-mig-per-acabar-lany\/\" class=\"more-link\">Read More<\/a>\n\t\t<\/div>\n\t\t\t<aside class=\"post-bottom-meta hide\">\n\t\t<strong rel=\"author\" itemprop=\"author\" class=\"author vcard\"><span class=\"fn\">Socialistes de Mallorca<\/span><\/strong>\n\t\t<time class=\"date published time\" datetime=\"2024-11-08T19:06:53+02:00\" itemprop=\"datePublished\" content=\"2024-11-08T19:06:53+02:00\">08\/11\/2024<\/time>\n\t\t<meta itemprop=\"dateModified\" class=\"date updated\" content=\"2024-11-08T19:06:55+02:00\">\n\t\t<span class=\"hide\" itemprop=\"publisher\" itemscope itemtype=\"https:\/\/schema.org\/Organization\">\n\t\t\t<meta itemprop=\"name\" content=\"SocialistesdMca\">\n\t\t\t<span itemprop=\"logo\" itemscope itemtype=\"https:\/\/schema.org\/ImageObject\">\n\t\t\t\t<meta itemprop=\"url\" content=\"https:\/\/www.psib-psoe.org\/mallorca\/wp-content\/themes\/notio-wp\/assets\/img\/logo.png\">\n\t\t\t<\/span>\n\t\t\t<meta itemprop=\"url\" content=\"https:\/\/www.psib-psoe.org\/mallorca\/\">\n\t\t<\/span>\n\t\t\t\t<span class=\"hide\" itemprop=\"image\" itemscope itemtype=\"http:\/\/schema.org\/ImageObject\">\n\t\t\t<meta itemprop=\"url\" content=\"https:\/\/www.psib-psoe.org\/mallorca\/wp-content\/uploads\/ARRELAM_LOGO_ENVIAR-1-4.jpg\">\n\t\t\t<meta itemprop=\"width\" content=\"1979\">\n\t\t\t<meta itemprop=\"height\" content=\"681\">\n\t\t<\/span>\n\t\t\t\t<meta itemscope itemprop=\"mainEntityOfPage\" itemtype=\"https:\/\/schema.org\/WebPage\" itemid=\"https:\/\/www.psib-psoe.org\/mallorca\/arrelam-mes-psib-psoe-denuncia-que-el-pp-aprovi-els-pressupostos-de-selva-de-2024-quan-falta-un-mes-i-mig-per-acabar-lany\/\">\n\t<\/aside>\n\t\t<\/article>\n<\/div>\n<div class=\"small-12 large-4 columns\">\n\t<article itemscope itemtype=\"http:\/\/schema.org\/Article\" class=\"post blog-style7 alt post-29186 type-post status-publish format-standard has-post-thumbnail hentry category-consell-de-mallorca category-federacio-de-mallorca category-federacio-de-mallorca-portada category-portada tag-catalina-cladera tag-federacio-socialista-de-mallorca tag-psib-psoe tag-taxa-residus\" role=\"article\">\n\t\t<figure class=\"post-gallery\"><img loading=\"lazy\" decoding=\"async\" width=\"600\" height=\"400\" src=\"https:\/\/www.psib-psoe.org\/mallorca\/wp-content\/uploads\/BULO-2-1-600x400.png\" class=\"attachment-notio-general-x2 size-notio-general-x2 wp-post-image\" alt=\"\" srcset=\"https:\/\/www.psib-psoe.org\/mallorca\/wp-content\/uploads\/BULO-2-1-600x400.png 600w, https:\/\/www.psib-psoe.org\/mallorca\/wp-content\/uploads\/BULO-2-1-300x200.png 300w, https:\/\/www.psib-psoe.org\/mallorca\/wp-content\/uploads\/BULO-2-1-900x600.png 900w, https:\/\/www.psib-psoe.org\/mallorca\/wp-content\/uploads\/BULO-2-1-20x13.png 20w\" sizes=\"(max-width: 600px) 100vw, 600px\" \/><\/figure>\n\t\t<div class=\"blog-top\">\n\t\t\t<header class=\"post-title entry-header\">\n\t\t\t\t<aside class=\"post-meta cf\">\n\t\t08\/11\/2024 \/ <a href=\"https:\/\/www.psib-psoe.org\/mallorca\/category\/consell-de-mallorca\/\" rel=\"category tag\">Consell de Mallorca<\/a>, <a href=\"https:\/\/www.psib-psoe.org\/mallorca\/category\/federacio-de-mallorca\/\" rel=\"category tag\">Federaci\u00f3 de Mallorca<\/a>, <a href=\"https:\/\/www.psib-psoe.org\/mallorca\/category\/federacio-de-mallorca-portada\/\" rel=\"category tag\">Federaci\u00f3 de Mallorca - Portada<\/a>, <a href=\"https:\/\/www.psib-psoe.org\/mallorca\/category\/portada\/\" rel=\"category tag\">Portada<\/a><\/aside>\n\t\t\t\t<h3 itemprop=\"headline\"><a href=\"https:\/\/www.psib-psoe.org\/mallorca\/els-socialistes-de-mallorca-recorden-al-pp-que-la-pujada-de-les-taxes-de-residus-es-una-directiva-europea-a-la-qual-hi-van-votar-a-favor\/\" title=\"Els socialistes de Mallorca recorden al PP que la pujada de les taxes de residus \u00e9s una directiva europea a la qual hi van votar a favor\">Els socialistes de Mallorca recorden al PP que la pujada de les taxes de residus \u00e9s una directiva europea a la qual hi van votar a favor<\/a><\/h3>\n\t\t\t<\/header>\n\t\t<\/div>\n\t\t<div class=\"post-content\">\n\t\t\t<a href=\"https:\/\/www.psib-psoe.org\/mallorca\/els-socialistes-de-mallorca-recorden-al-pp-que-la-pujada-de-les-taxes-de-residus-es-una-directiva-europea-a-la-qual-hi-van-votar-a-favor\/\" class=\"more-link\">Read More<\/a>\n\t\t<\/div>\n\t\t\t<aside class=\"post-bottom-meta hide\">\n\t\t<strong rel=\"author\" itemprop=\"author\" class=\"author vcard\"><span class=\"fn\">Socialistes de Mallorca<\/span><\/strong>\n\t\t<time class=\"date published time\" datetime=\"2024-11-08T14:26:22+02:00\" itemprop=\"datePublished\" content=\"2024-11-08T14:26:22+02:00\">08\/11\/2024<\/time>\n\t\t<meta itemprop=\"dateModified\" class=\"date updated\" content=\"2024-11-08T14:26:24+02:00\">\n\t\t<span class=\"hide\" itemprop=\"publisher\" itemscope itemtype=\"https:\/\/schema.org\/Organization\">\n\t\t\t<meta itemprop=\"name\" content=\"SocialistesdMca\">\n\t\t\t<span itemprop=\"logo\" itemscope itemtype=\"https:\/\/schema.org\/ImageObject\">\n\t\t\t\t<meta itemprop=\"url\" content=\"https:\/\/www.psib-psoe.org\/mallorca\/wp-content\/themes\/notio-wp\/assets\/img\/logo.png\">\n\t\t\t<\/span>\n\t\t\t<meta itemprop=\"url\" content=\"https:\/\/www.psib-psoe.org\/mallorca\/\">\n\t\t<\/span>\n\t\t\t\t<span class=\"hide\" itemprop=\"image\" itemscope itemtype=\"http:\/\/schema.org\/ImageObject\">\n\t\t\t<meta itemprop=\"url\" content=\"https:\/\/www.psib-psoe.org\/mallorca\/wp-content\/uploads\/BULO-2-1.png\">\n\t\t\t<meta itemprop=\"width\" content=\"1080\">\n\t\t\t<meta itemprop=\"height\" content=\"1080\">\n\t\t<\/span>\n\t\t\t\t<meta itemscope itemprop=\"mainEntityOfPage\" itemtype=\"https:\/\/schema.org\/WebPage\" itemid=\"https:\/\/www.psib-psoe.org\/mallorca\/els-socialistes-de-mallorca-recorden-al-pp-que-la-pujada-de-les-taxes-de-residus-es-una-directiva-europea-a-la-qual-hi-van-votar-a-favor\/\">\n\t<\/aside>\n\t\t<\/article>\n<\/div>\n<div class=\"small-12 large-4 columns\">\n\t<article itemscope itemtype=\"http:\/\/schema.org\/Article\" class=\"post blog-style7 alt post-29183 type-post status-publish format-standard has-post-thumbnail hentry category-consell-de-mallorca category-federacio-de-mallorca category-federacio-de-mallorca-portada category-portada tag-catalina-cladera tag-federacio-socialista-de-mallorca tag-marc-pons tag-parcs-fotovoltaics tag-psib-psoe\" role=\"article\">\n\t\t<figure class=\"post-gallery\"><img loading=\"lazy\" decoding=\"async\" width=\"600\" height=\"400\" src=\"https:\/\/www.psib-psoe.org\/mallorca\/wp-content\/uploads\/071124_Catalina-Cladera-i-Marc-Pons-600x400.jpg\" class=\"attachment-notio-general-x2 size-notio-general-x2 wp-post-image\" alt=\"\" srcset=\"https:\/\/www.psib-psoe.org\/mallorca\/wp-content\/uploads\/071124_Catalina-Cladera-i-Marc-Pons-600x400.jpg 600w, https:\/\/www.psib-psoe.org\/mallorca\/wp-content\/uploads\/071124_Catalina-Cladera-i-Marc-Pons-300x200.jpg 300w, https:\/\/www.psib-psoe.org\/mallorca\/wp-content\/uploads\/071124_Catalina-Cladera-i-Marc-Pons-900x600.jpg 900w, https:\/\/www.psib-psoe.org\/mallorca\/wp-content\/uploads\/071124_Catalina-Cladera-i-Marc-Pons-20x13.jpg 20w\" sizes=\"(max-width: 600px) 100vw, 600px\" \/><\/figure>\n\t\t<div class=\"blog-top\">\n\t\t\t<header class=\"post-title entry-header\">\n\t\t\t\t<aside class=\"post-meta cf\">\n\t\t07\/11\/2024 \/ <a href=\"https:\/\/www.psib-psoe.org\/mallorca\/category\/consell-de-mallorca\/\" rel=\"category tag\">Consell de Mallorca<\/a>, <a href=\"https:\/\/www.psib-psoe.org\/mallorca\/category\/federacio-de-mallorca\/\" rel=\"category tag\">Federaci\u00f3 de Mallorca<\/a>, <a href=\"https:\/\/www.psib-psoe.org\/mallorca\/category\/federacio-de-mallorca-portada\/\" rel=\"category tag\">Federaci\u00f3 de Mallorca - Portada<\/a>, <a href=\"https:\/\/www.psib-psoe.org\/mallorca\/category\/portada\/\" rel=\"category tag\">Portada<\/a><\/aside>\n\t\t\t\t<h3 itemprop=\"headline\"><a href=\"https:\/\/www.psib-psoe.org\/mallorca\/el-psib-psoe-reclama-al-pp-que-faci-una-moratoria-dautoritzacions-i-llicencies-de-parcs-fotovoltaics-mentre-no-se-saprova-la-modificacio-del-pla-territorial-de-mallorca-que-estableix\/\" title=\"El PSIB-PSOE reclama al PP que faci una morat\u00f2ria d\u2019autoritzacions i llic\u00e8ncies de parcs fotovoltaics mentre no se s\u2019aprova la modificaci\u00f3 del Pla Territorial de Mallorca que estableixi les zones de desenvolupament prioritari\">El PSIB-PSOE reclama al PP que faci una morat\u00f2ria d\u2019autoritzacions i llic\u00e8ncies de parcs fotovoltaics mentre no se s\u2019aprova la modificaci\u00f3 del Pla Territorial de Mallorca que estableixi les zones de desenvolupament prioritari<\/a><\/h3>\n\t\t\t<\/header>\n\t\t<\/div>\n\t\t<div class=\"post-content\">\n\t\t\t<a href=\"https:\/\/www.psib-psoe.org\/mallorca\/el-psib-psoe-reclama-al-pp-que-faci-una-moratoria-dautoritzacions-i-llicencies-de-parcs-fotovoltaics-mentre-no-se-saprova-la-modificacio-del-pla-territorial-de-mallorca-que-estableix\/\" class=\"more-link\">Read More<\/a>\n\t\t<\/div>\n\t\t\t<aside class=\"post-bottom-meta hide\">\n\t\t<strong rel=\"author\" itemprop=\"author\" class=\"author vcard\"><span class=\"fn\">Socialistes de Mallorca<\/span><\/strong>\n\t\t<time class=\"date published time\" datetime=\"2024-11-07T15:17:22+02:00\" itemprop=\"datePublished\" content=\"2024-11-07T15:17:22+02:00\">07\/11\/2024<\/time>\n\t\t<meta itemprop=\"dateModified\" class=\"date updated\" content=\"2024-11-07T15:17:24+02:00\">\n\t\t<span class=\"hide\" itemprop=\"publisher\" itemscope itemtype=\"https:\/\/schema.org\/Organization\">\n\t\t\t<meta itemprop=\"name\" content=\"SocialistesdMca\">\n\t\t\t<span itemprop=\"logo\" itemscope itemtype=\"https:\/\/schema.org\/ImageObject\">\n\t\t\t\t<meta itemprop=\"url\" content=\"https:\/\/www.psib-psoe.org\/mallorca\/wp-content\/themes\/notio-wp\/assets\/img\/logo.png\">\n\t\t\t<\/span>\n\t\t\t<meta itemprop=\"url\" content=\"https:\/\/www.psib-psoe.org\/mallorca\/\">\n\t\t<\/span>\n\t\t\t\t<span class=\"hide\" itemprop=\"image\" itemscope itemtype=\"http:\/\/schema.org\/ImageObject\">\n\t\t\t<meta itemprop=\"url\" content=\"https:\/\/www.psib-psoe.org\/mallorca\/wp-content\/uploads\/071124_Catalina-Cladera-i-Marc-Pons-scaled.jpg\">\n\t\t\t<meta itemprop=\"width\" content=\"2560\">\n\t\t\t<meta itemprop=\"height\" content=\"1920\">\n\t\t<\/span>\n\t\t\t\t<meta itemscope itemprop=\"mainEntityOfPage\" itemtype=\"https:\/\/schema.org\/WebPage\" itemid=\"https:\/\/www.psib-psoe.org\/mallorca\/el-psib-psoe-reclama-al-pp-que-faci-una-moratoria-dautoritzacions-i-llicencies-de-parcs-fotovoltaics-mentre-no-se-saprova-la-modificacio-del-pla-territorial-de-mallorca-que-estableix\/\">\n\t<\/aside>\n\t\t<\/article>\n<\/div>\n<div class=\"small-12 large-4 columns\">\n\t<article itemscope itemtype=\"http:\/\/schema.org\/Article\" class=\"post blog-style7 alt post-29181 type-post status-publish format-standard has-post-thumbnail hentry category-federacio-de-mallorca category-federacio-de-mallorca-portada category-municipis category-portada tag-barbara-rebassa tag-catalina-cladera tag-federacio-socialista-de-mallorca tag-joan-gaspar-vallori\" role=\"article\">\n\t\t<figure class=\"post-gallery\"><img loading=\"lazy\" decoding=\"async\" width=\"600\" height=\"400\" src=\"https:\/\/www.psib-psoe.org\/mallorca\/wp-content\/uploads\/Regidors-Alc\u00fadia-Picornell-600x400.jpeg\" class=\"attachment-notio-general-x2 size-notio-general-x2 wp-post-image\" alt=\"\" srcset=\"https:\/\/www.psib-psoe.org\/mallorca\/wp-content\/uploads\/Regidors-Alc\u00fadia-Picornell-600x400.jpeg 600w, https:\/\/www.psib-psoe.org\/mallorca\/wp-content\/uploads\/Regidors-Alc\u00fadia-Picornell-300x200.jpeg 300w, https:\/\/www.psib-psoe.org\/mallorca\/wp-content\/uploads\/Regidors-Alc\u00fadia-Picornell-20x13.jpeg 20w\" sizes=\"(max-width: 600px) 100vw, 600px\" \/><\/figure>\n\t\t<div class=\"blog-top\">\n\t\t\t<header class=\"post-title entry-header\">\n\t\t\t\t<aside class=\"post-meta cf\">\n\t\t06\/11\/2024 \/ <a href=\"https:\/\/www.psib-psoe.org\/mallorca\/category\/federacio-de-mallorca\/\" rel=\"category tag\">Federaci\u00f3 de Mallorca<\/a>, <a href=\"https:\/\/www.psib-psoe.org\/mallorca\/category\/federacio-de-mallorca-portada\/\" rel=\"category tag\">Federaci\u00f3 de Mallorca - Portada<\/a>, <a href=\"https:\/\/www.psib-psoe.org\/mallorca\/category\/municipis\/\" rel=\"category tag\">Municipis<\/a>, <a href=\"https:\/\/www.psib-psoe.org\/mallorca\/category\/portada\/\" rel=\"category tag\">Portada<\/a><\/aside>\n\t\t\t\t<h3 itemprop=\"headline\"><a href=\"https:\/\/www.psib-psoe.org\/mallorca\/els-socialistes-dalcudia-reclamen-a-lajuntament-la-millora-i-posada-en-marxa-dels-parcs-infantils-del-municipi\/\" title=\"Els socialistes d\u2019Alc\u00fadia reclamen a l\u2019Ajuntament la millora i posada en marxa dels parcs infantils del municipi\">Els socialistes d\u2019Alc\u00fadia reclamen a l\u2019Ajuntament la millora i posada en marxa dels parcs infantils del municipi<\/a><\/h3>\n\t\t\t<\/header>\n\t\t<\/div>\n\t\t<div class=\"post-content\">\n\t\t\t<a href=\"https:\/\/www.psib-psoe.org\/mallorca\/els-socialistes-dalcudia-reclamen-a-lajuntament-la-millora-i-posada-en-marxa-dels-parcs-infantils-del-municipi\/\" class=\"more-link\">Read More<\/a>\n\t\t<\/div>\n\t\t\t<aside class=\"post-bottom-meta hide\">\n\t\t<strong rel=\"author\" itemprop=\"author\" class=\"author vcard\"><span class=\"fn\">Socialistes de Mallorca<\/span><\/strong>\n\t\t<time class=\"date published time\" datetime=\"2024-11-06T16:46:06+02:00\" itemprop=\"datePublished\" content=\"2024-11-06T16:46:06+02:00\">06\/11\/2024<\/time>\n\t\t<meta itemprop=\"dateModified\" class=\"date updated\" content=\"2024-11-06T16:46:08+02:00\">\n\t\t<span class=\"hide\" itemprop=\"publisher\" itemscope itemtype=\"https:\/\/schema.org\/Organization\">\n\t\t\t<meta itemprop=\"name\" content=\"SocialistesdMca\">\n\t\t\t<span itemprop=\"logo\" itemscope itemtype=\"https:\/\/schema.org\/ImageObject\">\n\t\t\t\t<meta itemprop=\"url\" content=\"https:\/\/www.psib-psoe.org\/mallorca\/wp-content\/themes\/notio-wp\/assets\/img\/logo.png\">\n\t\t\t<\/span>\n\t\t\t<meta itemprop=\"url\" content=\"https:\/\/www.psib-psoe.org\/mallorca\/\">\n\t\t<\/span>\n\t\t\t\t<span class=\"hide\" itemprop=\"image\" itemscope itemtype=\"http:\/\/schema.org\/ImageObject\">\n\t\t\t<meta itemprop=\"url\" content=\"https:\/\/www.psib-psoe.org\/mallorca\/wp-content\/uploads\/Regidors-Alc\u00fadia-Picornell.jpeg\">\n\t\t\t<meta itemprop=\"width\" content=\"828\">\n\t\t\t<meta itemprop=\"height\" content=\"1343\">\n\t\t<\/span>\n\t\t\t\t<meta itemscope itemprop=\"mainEntityOfPage\" itemtype=\"https:\/\/schema.org\/WebPage\" itemid=\"https:\/\/www.psib-psoe.org\/mallorca\/els-socialistes-dalcudia-reclamen-a-lajuntament-la-millora-i-posada-en-marxa-dels-parcs-infantils-del-municipi\/\">\n\t<\/aside>\n\t\t<\/article>\n<\/div>\n<div class=\"small-12 large-4 columns\">\n\t<article itemscope itemtype=\"http:\/\/schema.org\/Article\" class=\"post blog-style7 alt post-29176 type-post status-publish format-standard has-post-thumbnail hentry category-consell-de-mallorca category-federacio-de-mallorca category-federacio-de-mallorca-portada category-portada tag-catalina-cladera tag-federacio-socialista-de-mallorca\" role=\"article\">\n\t\t<figure class=\"post-gallery\"><img loading=\"lazy\" decoding=\"async\" width=\"600\" height=\"400\" src=\"https:\/\/www.psib-psoe.org\/mallorca\/wp-content\/uploads\/051124_CATALINA-CLADERA--600x400.jpg\" class=\"attachment-notio-general-x2 size-notio-general-x2 wp-post-image\" alt=\"\" srcset=\"https:\/\/www.psib-psoe.org\/mallorca\/wp-content\/uploads\/051124_CATALINA-CLADERA--600x400.jpg 600w, https:\/\/www.psib-psoe.org\/mallorca\/wp-content\/uploads\/051124_CATALINA-CLADERA--300x200.jpg 300w, https:\/\/www.psib-psoe.org\/mallorca\/wp-content\/uploads\/051124_CATALINA-CLADERA--900x600.jpg 900w, https:\/\/www.psib-psoe.org\/mallorca\/wp-content\/uploads\/051124_CATALINA-CLADERA--20x13.jpg 20w\" sizes=\"(max-width: 600px) 100vw, 600px\" \/><\/figure>\n\t\t<div class=\"blog-top\">\n\t\t\t<header class=\"post-title entry-header\">\n\t\t\t\t<aside class=\"post-meta cf\">\n\t\t05\/11\/2024 \/ <a href=\"https:\/\/www.psib-psoe.org\/mallorca\/category\/consell-de-mallorca\/\" rel=\"category tag\">Consell de Mallorca<\/a>, <a href=\"https:\/\/www.psib-psoe.org\/mallorca\/category\/federacio-de-mallorca\/\" rel=\"category tag\">Federaci\u00f3 de Mallorca<\/a>, <a href=\"https:\/\/www.psib-psoe.org\/mallorca\/category\/federacio-de-mallorca-portada\/\" rel=\"category tag\">Federaci\u00f3 de Mallorca - Portada<\/a>, <a href=\"https:\/\/www.psib-psoe.org\/mallorca\/category\/portada\/\" rel=\"category tag\">Portada<\/a><\/aside>\n\t\t\t\t<h3 itemprop=\"headline\"><a href=\"https:\/\/www.psib-psoe.org\/mallorca\/cladera-la-sentencia-del-tribunal-suprem-confirma-la-validesa-del-pecma-com-a-eina-de-control-territorial-de-les-superficies-comercials-de-lilla\/\" title=\"Cladera: \u201cLa sent\u00e8ncia del Tribunal Suprem confirma la validesa del PECMA com a eina de control territorial de les superf\u00edcies comercials de l\u2019illa\u201d\">Cladera: \u201cLa sent\u00e8ncia del Tribunal Suprem confirma la validesa del PECMA com a eina de control territorial de les superf\u00edcies comercials de l\u2019illa\u201d<\/a><\/h3>\n\t\t\t<\/header>\n\t\t<\/div>\n\t\t<div class=\"post-content\">\n\t\t\t<a href=\"https:\/\/www.psib-psoe.org\/mallorca\/cladera-la-sentencia-del-tribunal-suprem-confirma-la-validesa-del-pecma-com-a-eina-de-control-territorial-de-les-superficies-comercials-de-lilla\/\" class=\"more-link\">Read More<\/a>\n\t\t<\/div>\n\t\t\t<aside class=\"post-bottom-meta hide\">\n\t\t<strong rel=\"author\" itemprop=\"author\" class=\"author vcard\"><span class=\"fn\">Socialistes de Mallorca<\/span><\/strong>\n\t\t<time class=\"date published time\" datetime=\"2024-11-05T20:00:56+02:00\" itemprop=\"datePublished\" content=\"2024-11-05T20:00:56+02:00\">05\/11\/2024<\/time>\n\t\t<meta itemprop=\"dateModified\" class=\"date updated\" content=\"2024-11-05T20:02:34+02:00\">\n\t\t<span class=\"hide\" itemprop=\"publisher\" itemscope itemtype=\"https:\/\/schema.org\/Organization\">\n\t\t\t<meta itemprop=\"name\" content=\"SocialistesdMca\">\n\t\t\t<span itemprop=\"logo\" itemscope itemtype=\"https:\/\/schema.org\/ImageObject\">\n\t\t\t\t<meta itemprop=\"url\" content=\"https:\/\/www.psib-psoe.org\/mallorca\/wp-content\/themes\/notio-wp\/assets\/img\/logo.png\">\n\t\t\t<\/span>\n\t\t\t<meta itemprop=\"url\" content=\"https:\/\/www.psib-psoe.org\/mallorca\/\">\n\t\t<\/span>\n\t\t\t\t<span class=\"hide\" itemprop=\"image\" itemscope itemtype=\"http:\/\/schema.org\/ImageObject\">\n\t\t\t<meta itemprop=\"url\" content=\"https:\/\/www.psib-psoe.org\/mallorca\/wp-content\/uploads\/051124_CATALINA-CLADERA--scaled.jpg\">\n\t\t\t<meta itemprop=\"width\" content=\"2560\">\n\t\t\t<meta itemprop=\"height\" content=\"1948\">\n\t\t<\/span>\n\t\t\t\t<meta itemscope itemprop=\"mainEntityOfPage\" itemtype=\"https:\/\/schema.org\/WebPage\" itemid=\"https:\/\/www.psib-psoe.org\/mallorca\/cladera-la-sentencia-del-tribunal-suprem-confirma-la-validesa-del-pecma-com-a-eina-de-control-territorial-de-les-superficies-comercials-de-lilla\/\">\n\t<\/aside>\n\t\t<\/article>\n<\/div>\n<div class=\"small-12 large-4 columns\">\n\t<article itemscope itemtype=\"http:\/\/schema.org\/Article\" class=\"post blog-style7 alt post-29168 type-post status-publish format-standard has-post-thumbnail hentry category-consell-de-mallorca category-federacio-de-mallorca category-federacio-de-mallorca-portada category-portada tag-catalina-cladera tag-federacio-socialista-de-mallorca\" role=\"article\">\n\t\t<figure class=\"post-gallery\"><img loading=\"lazy\" decoding=\"async\" width=\"600\" height=\"400\" src=\"https:\/\/www.psib-psoe.org\/mallorca\/wp-content\/uploads\/041124_Catalina-Cladera-RDP-Pressuposts-Consell-2025-600x400.jpg\" class=\"attachment-notio-general-x2 size-notio-general-x2 wp-post-image\" alt=\"\" srcset=\"https:\/\/www.psib-psoe.org\/mallorca\/wp-content\/uploads\/041124_Catalina-Cladera-RDP-Pressuposts-Consell-2025-600x400.jpg 600w, https:\/\/www.psib-psoe.org\/mallorca\/wp-content\/uploads\/041124_Catalina-Cladera-RDP-Pressuposts-Consell-2025-300x200.jpg 300w, https:\/\/www.psib-psoe.org\/mallorca\/wp-content\/uploads\/041124_Catalina-Cladera-RDP-Pressuposts-Consell-2025-900x600.jpg 900w, https:\/\/www.psib-psoe.org\/mallorca\/wp-content\/uploads\/041124_Catalina-Cladera-RDP-Pressuposts-Consell-2025-20x13.jpg 20w\" sizes=\"(max-width: 600px) 100vw, 600px\" \/><\/figure>\n\t\t<div class=\"blog-top\">\n\t\t\t<header class=\"post-title entry-header\">\n\t\t\t\t<aside class=\"post-meta cf\">\n\t\t04\/11\/2024 \/ <a href=\"https:\/\/www.psib-psoe.org\/mallorca\/category\/consell-de-mallorca\/\" rel=\"category tag\">Consell de Mallorca<\/a>, <a href=\"https:\/\/www.psib-psoe.org\/mallorca\/category\/federacio-de-mallorca\/\" rel=\"category tag\">Federaci\u00f3 de Mallorca<\/a>, <a href=\"https:\/\/www.psib-psoe.org\/mallorca\/category\/federacio-de-mallorca-portada\/\" rel=\"category tag\">Federaci\u00f3 de Mallorca - Portada<\/a>, <a href=\"https:\/\/www.psib-psoe.org\/mallorca\/category\/portada\/\" rel=\"category tag\">Portada<\/a><\/aside>\n\t\t\t\t<h3 itemprop=\"headline\"><a href=\"https:\/\/www.psib-psoe.org\/mallorca\/cladera-galmes-converteix-la-principal-eina-politica-duna-institucio-els-pressuposts-en-una-arma-contra-els-infants-i-adolescents-els-mes-vulnerables\/\" title=\"Cladera: \u201cGalm\u00e9s converteix la principal eina pol\u00edtica d\u2019una instituci\u00f3, els pressuposts, en una arma contra els infants i adolescents, els m\u00e9s vulnerables\u201d\">Cladera: \u201cGalm\u00e9s converteix la principal eina pol\u00edtica d\u2019una instituci\u00f3, els pressuposts, en una arma contra els infants i adolescents, els m\u00e9s vulnerables\u201d<\/a><\/h3>\n\t\t\t<\/header>\n\t\t<\/div>\n\t\t<div class=\"post-content\">\n\t\t\t<a href=\"https:\/\/www.psib-psoe.org\/mallorca\/cladera-galmes-converteix-la-principal-eina-politica-duna-institucio-els-pressuposts-en-una-arma-contra-els-infants-i-adolescents-els-mes-vulnerables\/\" class=\"more-link\">Read More<\/a>\n\t\t<\/div>\n\t\t\t<aside class=\"post-bottom-meta hide\">\n\t\t<strong rel=\"author\" itemprop=\"author\" class=\"author vcard\"><span class=\"fn\">Socialistes de Mallorca<\/span><\/strong>\n\t\t<time class=\"date published time\" datetime=\"2024-11-04T15:03:08+02:00\" itemprop=\"datePublished\" content=\"2024-11-04T15:03:08+02:00\">04\/11\/2024<\/time>\n\t\t<meta itemprop=\"dateModified\" class=\"date updated\" content=\"2024-11-05T20:01:51+02:00\">\n\t\t<span class=\"hide\" itemprop=\"publisher\" itemscope itemtype=\"https:\/\/schema.org\/Organization\">\n\t\t\t<meta itemprop=\"name\" content=\"SocialistesdMca\">\n\t\t\t<span itemprop=\"logo\" itemscope itemtype=\"https:\/\/schema.org\/ImageObject\">\n\t\t\t\t<meta itemprop=\"url\" content=\"https:\/\/www.psib-psoe.org\/mallorca\/wp-content\/themes\/notio-wp\/assets\/img\/logo.png\">\n\t\t\t<\/span>\n\t\t\t<meta itemprop=\"url\" content=\"https:\/\/www.psib-psoe.org\/mallorca\/\">\n\t\t<\/span>\n\t\t\t\t<span class=\"hide\" itemprop=\"image\" itemscope itemtype=\"http:\/\/schema.org\/ImageObject\">\n\t\t\t<meta itemprop=\"url\" content=\"https:\/\/www.psib-psoe.org\/mallorca\/wp-content\/uploads\/041124_Catalina-Cladera-RDP-Pressuposts-Consell-2025-scaled.jpg\">\n\t\t\t<meta itemprop=\"width\" content=\"2560\">\n\t\t\t<meta itemprop=\"height\" content=\"1920\">\n\t\t<\/span>\n\t\t\t\t<meta itemscope itemprop=\"mainEntityOfPage\" itemtype=\"https:\/\/schema.org\/WebPage\" itemid=\"https:\/\/www.psib-psoe.org\/mallorca\/cladera-galmes-converteix-la-principal-eina-politica-duna-institucio-els-pressuposts-en-una-arma-contra-els-infants-i-adolescents-els-mes-vulnerables\/\">\n\t<\/aside>\n\t\t<\/article>\n<\/div>\n<div class=\"small-12 large-4 columns\">\n\t<article itemscope itemtype=\"http:\/\/schema.org\/Article\" class=\"post blog-style7 alt post-29164 type-post status-publish format-standard has-post-thumbnail hentry category-consell-de-mallorca category-federacio-de-mallorca category-federacio-de-mallorca-portada category-portada tag-agrupacio-socialista-dalgaida tag-barbara-rebassa tag-catalina-cladera tag-federacio-socialista-de-mallorca tag-joan-gaspar-vallori\" role=\"article\">\n\t\t<figure class=\"post-gallery\"><img loading=\"lazy\" decoding=\"async\" width=\"600\" height=\"400\" src=\"https:\/\/www.psib-psoe.org\/mallorca\/wp-content\/uploads\/Foto-Alcudia-600x400.jpg\" class=\"attachment-notio-general-x2 size-notio-general-x2 wp-post-image\" alt=\"\" srcset=\"https:\/\/www.psib-psoe.org\/mallorca\/wp-content\/uploads\/Foto-Alcudia-600x400.jpg 600w, https:\/\/www.psib-psoe.org\/mallorca\/wp-content\/uploads\/Foto-Alcudia-300x200.jpg 300w, https:\/\/www.psib-psoe.org\/mallorca\/wp-content\/uploads\/Foto-Alcudia-900x600.jpg 900w, https:\/\/www.psib-psoe.org\/mallorca\/wp-content\/uploads\/Foto-Alcudia-20x13.jpg 20w\" sizes=\"(max-width: 600px) 100vw, 600px\" \/><\/figure>\n\t\t<div class=\"blog-top\">\n\t\t\t<header class=\"post-title entry-header\">\n\t\t\t\t<aside class=\"post-meta cf\">\n\t\t30\/10\/2024 \/ <a href=\"https:\/\/www.psib-psoe.org\/mallorca\/category\/consell-de-mallorca\/\" rel=\"category tag\">Consell de Mallorca<\/a>, <a href=\"https:\/\/www.psib-psoe.org\/mallorca\/category\/federacio-de-mallorca\/\" rel=\"category tag\">Federaci\u00f3 de Mallorca<\/a>, <a href=\"https:\/\/www.psib-psoe.org\/mallorca\/category\/federacio-de-mallorca-portada\/\" rel=\"category tag\">Federaci\u00f3 de Mallorca - Portada<\/a>, <a href=\"https:\/\/www.psib-psoe.org\/mallorca\/category\/portada\/\" rel=\"category tag\">Portada<\/a><\/aside>\n\t\t\t\t<h3 itemprop=\"headline\"><a href=\"https:\/\/www.psib-psoe.org\/mallorca\/la-incapacitat-de-gestio-de-lequip-de-govern-de-lajuntament-dalcudia-deixa-perdre-inversions-del-consell-per-import-de-465-000-e\/\" title=\"La incapacitat de gesti\u00f3 de l\u2019equip de govern de l\u2019Ajuntament d\u2019Alc\u00fadia deixa perdre inversions del Consell per import de 465.000 \u20ac\">La incapacitat de gesti\u00f3 de l\u2019equip de govern de l\u2019Ajuntament d\u2019Alc\u00fadia deixa perdre inversions del Consell per import de 465.000 \u20ac<\/a><\/h3>\n\t\t\t<\/header>\n\t\t<\/div>\n\t\t<div class=\"post-content\">\n\t\t\t<a href=\"https:\/\/www.psib-psoe.org\/mallorca\/la-incapacitat-de-gestio-de-lequip-de-govern-de-lajuntament-dalcudia-deixa-perdre-inversions-del-consell-per-import-de-465-000-e\/\" class=\"more-link\">Read More<\/a>\n\t\t<\/div>\n\t\t\t<aside class=\"post-bottom-meta hide\">\n\t\t<strong rel=\"author\" itemprop=\"author\" class=\"author vcard\"><span class=\"fn\">Albert<\/span><\/strong>\n\t\t<time class=\"date published time\" datetime=\"2024-10-30T11:55:50+02:00\" itemprop=\"datePublished\" content=\"2024-10-30T11:55:50+02:00\">30\/10\/2024<\/time>\n\t\t<meta itemprop=\"dateModified\" class=\"date updated\" content=\"2024-10-30T11:55:53+02:00\">\n\t\t<span class=\"hide\" itemprop=\"publisher\" itemscope itemtype=\"https:\/\/schema.org\/Organization\">\n\t\t\t<meta itemprop=\"name\" content=\"SocialistesdMca\">\n\t\t\t<span itemprop=\"logo\" itemscope itemtype=\"https:\/\/schema.org\/ImageObject\">\n\t\t\t\t<meta itemprop=\"url\" content=\"https:\/\/www.psib-psoe.org\/mallorca\/wp-content\/themes\/notio-wp\/assets\/img\/logo.png\">\n\t\t\t<\/span>\n\t\t\t<meta itemprop=\"url\" content=\"https:\/\/www.psib-psoe.org\/mallorca\/\">\n\t\t<\/span>\n\t\t\t\t<span class=\"hide\" itemprop=\"image\" itemscope itemtype=\"http:\/\/schema.org\/ImageObject\">\n\t\t\t<meta itemprop=\"url\" content=\"https:\/\/www.psib-psoe.org\/mallorca\/wp-content\/uploads\/Foto-Alcudia.jpg\">\n\t\t\t<meta itemprop=\"width\" content=\"2048\">\n\t\t\t<meta itemprop=\"height\" content=\"1536\">\n\t\t<\/span>\n\t\t\t\t<meta itemscope itemprop=\"mainEntityOfPage\" itemtype=\"https:\/\/schema.org\/WebPage\" itemid=\"https:\/\/www.psib-psoe.org\/mallorca\/la-incapacitat-de-gestio-de-lequip-de-govern-de-lajuntament-dalcudia-deixa-perdre-inversions-del-consell-per-import-de-465-000-e\/\">\n\t<\/aside>\n\t\t<\/article>\n<\/div>\n<div class=\"small-12 large-4 columns\">\n\t<article itemscope itemtype=\"http:\/\/schema.org\/Article\" class=\"post blog-style7 alt post-29159 type-post status-publish format-standard has-post-thumbnail hentry category-consell-de-mallorca category-federacio-de-mallorca category-federacio-de-mallorca-portada category-portada tag-catalina-cladera tag-federacio-socialista-de-mallorca tag-jaume-mateu tag-psib-psoe tag-socialistes-de-soller-2 tag-soller-2 tag-torre-picada\" role=\"article\">\n\t\t<figure class=\"post-gallery\"><img loading=\"lazy\" decoding=\"async\" width=\"600\" height=\"400\" src=\"https:\/\/www.psib-psoe.org\/mallorca\/wp-content\/uploads\/Torre-Picada-1-600x400.jpeg\" class=\"attachment-notio-general-x2 size-notio-general-x2 wp-post-image\" alt=\"\" srcset=\"https:\/\/www.psib-psoe.org\/mallorca\/wp-content\/uploads\/Torre-Picada-1-600x400.jpeg 600w, https:\/\/www.psib-psoe.org\/mallorca\/wp-content\/uploads\/Torre-Picada-1-300x200.jpeg 300w, https:\/\/www.psib-psoe.org\/mallorca\/wp-content\/uploads\/Torre-Picada-1-900x600.jpeg 900w, https:\/\/www.psib-psoe.org\/mallorca\/wp-content\/uploads\/Torre-Picada-1-20x13.jpeg 20w\" sizes=\"(max-width: 600px) 100vw, 600px\" \/><\/figure>\n\t\t<div class=\"blog-top\">\n\t\t\t<header class=\"post-title entry-header\">\n\t\t\t\t<aside class=\"post-meta cf\">\n\t\t29\/10\/2024 \/ <a href=\"https:\/\/www.psib-psoe.org\/mallorca\/category\/consell-de-mallorca\/\" rel=\"category tag\">Consell de Mallorca<\/a>, <a href=\"https:\/\/www.psib-psoe.org\/mallorca\/category\/federacio-de-mallorca\/\" rel=\"category tag\">Federaci\u00f3 de Mallorca<\/a>, <a href=\"https:\/\/www.psib-psoe.org\/mallorca\/category\/federacio-de-mallorca-portada\/\" rel=\"category tag\">Federaci\u00f3 de Mallorca - Portada<\/a>, <a href=\"https:\/\/www.psib-psoe.org\/mallorca\/category\/portada\/\" rel=\"category tag\">Portada<\/a><\/aside>\n\t\t\t\t<h3 itemprop=\"headline\"><a href=\"https:\/\/www.psib-psoe.org\/mallorca\/el-consell-de-mallorca-i-lajuntament-de-soller-demoren-injustificadament-lobertura-al-public-de-la-torre-picada\/\" title=\"El Consell de Mallorca i l\u2019Ajuntament de S\u00f3ller demoren injustificadament l\u2019obertura al p\u00fablic de la Torre Picada\">El Consell de Mallorca i l\u2019Ajuntament de S\u00f3ller demoren injustificadament l\u2019obertura al p\u00fablic de la Torre Picada<\/a><\/h3>\n\t\t\t<\/header>\n\t\t<\/div>\n\t\t<div class=\"post-content\">\n\t\t\t<a href=\"https:\/\/www.psib-psoe.org\/mallorca\/el-consell-de-mallorca-i-lajuntament-de-soller-demoren-injustificadament-lobertura-al-public-de-la-torre-picada\/\" class=\"more-link\">Read More<\/a>\n\t\t<\/div>\n\t\t\t<aside class=\"post-bottom-meta hide\">\n\t\t<strong rel=\"author\" itemprop=\"author\" class=\"author vcard\"><span class=\"fn\">Socialistes de Mallorca<\/span><\/strong>\n\t\t<time class=\"date published time\" datetime=\"2024-10-29T14:48:47+02:00\" itemprop=\"datePublished\" content=\"2024-10-29T14:48:47+02:00\">29\/10\/2024<\/time>\n\t\t<meta itemprop=\"dateModified\" class=\"date updated\" content=\"2024-10-29T14:48:49+02:00\">\n\t\t<span class=\"hide\" itemprop=\"publisher\" itemscope itemtype=\"https:\/\/schema.org\/Organization\">\n\t\t\t<meta itemprop=\"name\" content=\"SocialistesdMca\">\n\t\t\t<span itemprop=\"logo\" itemscope itemtype=\"https:\/\/schema.org\/ImageObject\">\n\t\t\t\t<meta itemprop=\"url\" content=\"https:\/\/www.psib-psoe.org\/mallorca\/wp-content\/themes\/notio-wp\/assets\/img\/logo.png\">\n\t\t\t<\/span>\n\t\t\t<meta itemprop=\"url\" content=\"https:\/\/www.psib-psoe.org\/mallorca\/\">\n\t\t<\/span>\n\t\t\t\t<span class=\"hide\" itemprop=\"image\" itemscope itemtype=\"http:\/\/schema.org\/ImageObject\">\n\t\t\t<meta itemprop=\"url\" content=\"https:\/\/www.psib-psoe.org\/mallorca\/wp-content\/uploads\/Torre-Picada-1.jpeg\">\n\t\t\t<meta itemprop=\"width\" content=\"4032\">\n\t\t\t<meta itemprop=\"height\" content=\"3024\">\n\t\t<\/span>\n\t\t\t\t<meta itemscope itemprop=\"mainEntityOfPage\" itemtype=\"https:\/\/schema.org\/WebPage\" itemid=\"https:\/\/www.psib-psoe.org\/mallorca\/el-consell-de-mallorca-i-lajuntament-de-soller-demoren-injustificadament-lobertura-al-public-de-la-torre-picada\/\">\n\t<\/aside>\n\t\t<\/article>\n<\/div>\n<div class=\"small-12 large-4 columns\">\n\t<article itemscope itemtype=\"http:\/\/schema.org\/Article\" class=\"post blog-style7 alt post-29137 type-post status-publish format-standard has-post-thumbnail hentry category-consell-de-mallorca category-federacio-de-mallorca category-federacio-de-mallorca-portada category-municipis category-portada tag-agrupacio-socialsita-de-calvia tag-antonia-sastre tag-catalina-cladera tag-federacio-socialista-de-mallorca tag-javier-de-juan tag-nati-frances tag-psib-psoe\" role=\"article\">\n\t\t<figure class=\"post-gallery\"><img loading=\"lazy\" decoding=\"async\" width=\"600\" height=\"400\" src=\"https:\/\/www.psib-psoe.org\/mallorca\/wp-content\/uploads\/IMG_0652-600x400.jpg\" class=\"attachment-notio-general-x2 size-notio-general-x2 wp-post-image\" alt=\"\" srcset=\"https:\/\/www.psib-psoe.org\/mallorca\/wp-content\/uploads\/IMG_0652-600x400.jpg 600w, https:\/\/www.psib-psoe.org\/mallorca\/wp-content\/uploads\/IMG_0652-300x200.jpg 300w, https:\/\/www.psib-psoe.org\/mallorca\/wp-content\/uploads\/IMG_0652-900x600.jpg 900w, https:\/\/www.psib-psoe.org\/mallorca\/wp-content\/uploads\/IMG_0652-20x13.jpg 20w\" sizes=\"(max-width: 600px) 100vw, 600px\" \/><\/figure>\n\t\t<div class=\"blog-top\">\n\t\t\t<header class=\"post-title entry-header\">\n\t\t\t\t<aside class=\"post-meta cf\">\n\t\t28\/10\/2024 \/ <a href=\"https:\/\/www.psib-psoe.org\/mallorca\/category\/consell-de-mallorca\/\" rel=\"category tag\">Consell de Mallorca<\/a>, <a href=\"https:\/\/www.psib-psoe.org\/mallorca\/category\/federacio-de-mallorca\/\" rel=\"category tag\">Federaci\u00f3 de Mallorca<\/a>, <a href=\"https:\/\/www.psib-psoe.org\/mallorca\/category\/federacio-de-mallorca-portada\/\" rel=\"category tag\">Federaci\u00f3 de Mallorca - Portada<\/a>, <a href=\"https:\/\/www.psib-psoe.org\/mallorca\/category\/municipis\/\" rel=\"category tag\">Municipis<\/a>, <a href=\"https:\/\/www.psib-psoe.org\/mallorca\/category\/portada\/\" rel=\"category tag\">Portada<\/a><\/aside>\n\t\t\t\t<h3 itemprop=\"headline\"><a href=\"https:\/\/www.psib-psoe.org\/mallorca\/galmes-incompleix-els-terminis-dobertura-de-lestacio-itv-de-calvia-mentre-que-mante-les-llistes-despera-per-damunt-dels-tres-mesos\/\" title=\"Galm\u00e9s incompleix els terminis d\u2019obertura de l\u2019estaci\u00f3 ITV de Calvi\u00e0 mentre que mant\u00e9 les llistes d\u2019espera per damunt dels tres mesos\">Galm\u00e9s incompleix els terminis d\u2019obertura de l\u2019estaci\u00f3 ITV de Calvi\u00e0 mentre que mant\u00e9 les llistes d\u2019espera per damunt dels tres mesos<\/a><\/h3>\n\t\t\t<\/header>\n\t\t<\/div>\n\t\t<div class=\"post-content\">\n\t\t\t<a href=\"https:\/\/www.psib-psoe.org\/mallorca\/galmes-incompleix-els-terminis-dobertura-de-lestacio-itv-de-calvia-mentre-que-mante-les-llistes-despera-per-damunt-dels-tres-mesos\/\" class=\"more-link\">Read More<\/a>\n\t\t<\/div>\n\t\t\t<aside class=\"post-bottom-meta hide\">\n\t\t<strong rel=\"author\" itemprop=\"author\" class=\"author vcard\"><span class=\"fn\">Albert<\/span><\/strong>\n\t\t<time class=\"date published time\" datetime=\"2024-10-28T11:10:15+02:00\" itemprop=\"datePublished\" content=\"2024-10-28T11:10:15+02:00\">28\/10\/2024<\/time>\n\t\t<meta itemprop=\"dateModified\" class=\"date updated\" content=\"2024-10-28T11:13:05+02:00\">\n\t\t<span class=\"hide\" itemprop=\"publisher\" itemscope itemtype=\"https:\/\/schema.org\/Organization\">\n\t\t\t<meta itemprop=\"name\" content=\"SocialistesdMca\">\n\t\t\t<span itemprop=\"logo\" itemscope itemtype=\"https:\/\/schema.org\/ImageObject\">\n\t\t\t\t<meta itemprop=\"url\" content=\"https:\/\/www.psib-psoe.org\/mallorca\/wp-content\/themes\/notio-wp\/assets\/img\/logo.png\">\n\t\t\t<\/span>\n\t\t\t<meta itemprop=\"url\" content=\"https:\/\/www.psib-psoe.org\/mallorca\/\">\n\t\t<\/span>\n\t\t\t\t<span class=\"hide\" itemprop=\"image\" itemscope itemtype=\"http:\/\/schema.org\/ImageObject\">\n\t\t\t<meta itemprop=\"url\" content=\"https:\/\/www.psib-psoe.org\/mallorca\/wp-content\/uploads\/IMG_0652-scaled.jpg\">\n\t\t\t<meta itemprop=\"width\" content=\"2560\">\n\t\t\t<meta itemprop=\"height\" content=\"1920\">\n\t\t<\/span>\n\t\t\t\t<meta itemscope itemprop=\"mainEntityOfPage\" itemtype=\"https:\/\/schema.org\/WebPage\" itemid=\"https:\/\/www.psib-psoe.org\/mallorca\/galmes-incompleix-els-terminis-dobertura-de-lestacio-itv-de-calvia-mentre-que-mante-les-llistes-despera-per-damunt-dels-tres-mesos\/\">\n\t<\/aside>\n\t\t<\/article>\n<\/div>\n<div class=\"small-12 large-4 columns\">\n\t<article itemscope itemtype=\"http:\/\/schema.org\/Article\" class=\"post blog-style7 alt post-29126 type-post status-publish format-standard has-post-thumbnail hentry category-federacio-de-mallorca category-federacio-de-mallorca-portada category-municipis category-portada tag-agrupacio-socialista-de-soller tag-antonia-sastre tag-catalina-cladera tag-federacio-socialista-de-mallorca tag-jaume-mateu tag-javier-de-juan tag-psib-psoe\" role=\"article\">\n\t\t<figure class=\"post-gallery\"><img loading=\"lazy\" decoding=\"async\" width=\"600\" height=\"400\" src=\"https:\/\/www.psib-psoe.org\/mallorca\/wp-content\/uploads\/Cladera-Mateu-2-600x400.jpeg\" class=\"attachment-notio-general-x2 size-notio-general-x2 wp-post-image\" alt=\"\" srcset=\"https:\/\/www.psib-psoe.org\/mallorca\/wp-content\/uploads\/Cladera-Mateu-2-600x400.jpeg 600w, https:\/\/www.psib-psoe.org\/mallorca\/wp-content\/uploads\/Cladera-Mateu-2-300x200.jpeg 300w, https:\/\/www.psib-psoe.org\/mallorca\/wp-content\/uploads\/Cladera-Mateu-2-900x600.jpeg 900w, https:\/\/www.psib-psoe.org\/mallorca\/wp-content\/uploads\/Cladera-Mateu-2-20x13.jpeg 20w\" sizes=\"(max-width: 600px) 100vw, 600px\" \/><\/figure>\n\t\t<div class=\"blog-top\">\n\t\t\t<header class=\"post-title entry-header\">\n\t\t\t\t<aside class=\"post-meta cf\">\n\t\t25\/10\/2024 \/ <a href=\"https:\/\/www.psib-psoe.org\/mallorca\/category\/federacio-de-mallorca\/\" rel=\"category tag\">Federaci\u00f3 de Mallorca<\/a>, <a href=\"https:\/\/www.psib-psoe.org\/mallorca\/category\/federacio-de-mallorca-portada\/\" rel=\"category tag\">Federaci\u00f3 de Mallorca - Portada<\/a>, <a href=\"https:\/\/www.psib-psoe.org\/mallorca\/category\/municipis\/\" rel=\"category tag\">Municipis<\/a>, <a href=\"https:\/\/www.psib-psoe.org\/mallorca\/category\/portada\/\" rel=\"category tag\">Portada<\/a><\/aside>\n\t\t\t\t<h3 itemprop=\"headline\"><a href=\"https:\/\/www.psib-psoe.org\/mallorca\/jaume-mateu-la-pujada-del-31-de-la-taxa-de-fems-que-prepara-lajuntament-de-soller-es-una-destralada-directa-a-la-butxaca-dels-sollerics\/\" title=\"Jaume Mateu: \u201cLa pujada del 31% de la taxa de fems que prepara l\u2019Ajuntament de S\u00f3ller \u00e9s una destralada directa a la butxaca dels sollerics\u201d.\">Jaume Mateu: \u201cLa pujada del 31% de la taxa de fems que prepara l\u2019Ajuntament de S\u00f3ller \u00e9s una destralada directa a la butxaca dels sollerics\u201d.<\/a><\/h3>\n\t\t\t<\/header>\n\t\t<\/div>\n\t\t<div class=\"post-content\">\n\t\t\t<a href=\"https:\/\/www.psib-psoe.org\/mallorca\/jaume-mateu-la-pujada-del-31-de-la-taxa-de-fems-que-prepara-lajuntament-de-soller-es-una-destralada-directa-a-la-butxaca-dels-sollerics\/\" class=\"more-link\">Read More<\/a>\n\t\t<\/div>\n\t\t\t<aside class=\"post-bottom-meta hide\">\n\t\t<strong rel=\"author\" itemprop=\"author\" class=\"author vcard\"><span class=\"fn\">Albert<\/span><\/strong>\n\t\t<time class=\"date published time\" datetime=\"2024-10-25T13:28:51+02:00\" itemprop=\"datePublished\" content=\"2024-10-25T13:28:51+02:00\">25\/10\/2024<\/time>\n\t\t<meta itemprop=\"dateModified\" class=\"date updated\" content=\"2024-10-25T13:28:51+02:00\">\n\t\t<span class=\"hide\" itemprop=\"publisher\" itemscope itemtype=\"https:\/\/schema.org\/Organization\">\n\t\t\t<meta itemprop=\"name\" content=\"SocialistesdMca\">\n\t\t\t<span itemprop=\"logo\" itemscope itemtype=\"https:\/\/schema.org\/ImageObject\">\n\t\t\t\t<meta itemprop=\"url\" content=\"https:\/\/www.psib-psoe.org\/mallorca\/wp-content\/themes\/notio-wp\/assets\/img\/logo.png\">\n\t\t\t<\/span>\n\t\t\t<meta itemprop=\"url\" content=\"https:\/\/www.psib-psoe.org\/mallorca\/\">\n\t\t<\/span>\n\t\t\t\t<span class=\"hide\" itemprop=\"image\" itemscope itemtype=\"http:\/\/schema.org\/ImageObject\">\n\t\t\t<meta itemprop=\"url\" content=\"https:\/\/www.psib-psoe.org\/mallorca\/wp-content\/uploads\/Cladera-Mateu-2.jpeg\">\n\t\t\t<meta itemprop=\"width\" content=\"2000\">\n\t\t\t<meta itemprop=\"height\" content=\"900\">\n\t\t<\/span>\n\t\t\t\t<meta itemscope itemprop=\"mainEntityOfPage\" itemtype=\"https:\/\/schema.org\/WebPage\" itemid=\"https:\/\/www.psib-psoe.org\/mallorca\/jaume-mateu-la-pujada-del-31-de-la-taxa-de-fems-que-prepara-lajuntament-de-soller-es-una-destralada-directa-a-la-butxaca-dels-sollerics\/\">\n\t<\/aside>\n\t\t<\/article>\n<\/div>\n<div class=\"small-12 large-4 columns\">\n\t<article itemscope itemtype=\"http:\/\/schema.org\/Article\" class=\"post blog-style7 alt post-29123 type-post status-publish format-standard has-post-thumbnail hentry category-federacio-de-mallorca category-federacio-de-mallorca-portada category-municipis category-portada tag-andreu-vidal tag-antonia-sastre tag-catalina-cladera tag-cosme-bonet tag-federacio-socialista-de-mallorca tag-javier-de-juan tag-psib-psoe tag-socialistes-alaro\" role=\"article\">\n\t\t<figure class=\"post-gallery\"><img loading=\"lazy\" decoding=\"async\" width=\"600\" height=\"400\" src=\"https:\/\/www.psib-psoe.org\/mallorca\/wp-content\/uploads\/Alaro-gual-600x400.jpeg\" class=\"attachment-notio-general-x2 size-notio-general-x2 wp-post-image\" alt=\"\" srcset=\"https:\/\/www.psib-psoe.org\/mallorca\/wp-content\/uploads\/Alaro-gual-600x400.jpeg 600w, https:\/\/www.psib-psoe.org\/mallorca\/wp-content\/uploads\/Alaro-gual-300x200.jpeg 300w, https:\/\/www.psib-psoe.org\/mallorca\/wp-content\/uploads\/Alaro-gual-900x600.jpeg 900w, https:\/\/www.psib-psoe.org\/mallorca\/wp-content\/uploads\/Alaro-gual-20x13.jpeg 20w\" sizes=\"(max-width: 600px) 100vw, 600px\" \/><\/figure>\n\t\t<div class=\"blog-top\">\n\t\t\t<header class=\"post-title entry-header\">\n\t\t\t\t<aside class=\"post-meta cf\">\n\t\t25\/10\/2024 \/ <a href=\"https:\/\/www.psib-psoe.org\/mallorca\/category\/federacio-de-mallorca\/\" rel=\"category tag\">Federaci\u00f3 de Mallorca<\/a>, <a href=\"https:\/\/www.psib-psoe.org\/mallorca\/category\/federacio-de-mallorca-portada\/\" rel=\"category tag\">Federaci\u00f3 de Mallorca - Portada<\/a>, <a href=\"https:\/\/www.psib-psoe.org\/mallorca\/category\/municipis\/\" rel=\"category tag\">Municipis<\/a>, <a href=\"https:\/\/www.psib-psoe.org\/mallorca\/category\/portada\/\" rel=\"category tag\">Portada<\/a><\/aside>\n\t\t\t\t<h3 itemprop=\"headline\"><a href=\"https:\/\/www.psib-psoe.org\/mallorca\/lajuntament-inclou-una-iniciativa-dels-socialistes-dalaro-a-lordenanca-de-bon-govern-i-convivencia-ciutadana-per-millorar-lespai-daparcament-al-municipi\/\" title=\"L\u2019Ajuntament inclou una iniciativa dels Socialistes d\u2019Alar\u00f3 a l\u2019Ordenan\u00e7a de Bon Govern i Conviv\u00e8ncia Ciutadana per millorar l\u2019espai d\u2019aparcament al municipi.\">L\u2019Ajuntament inclou una iniciativa dels Socialistes d\u2019Alar\u00f3 a l\u2019Ordenan\u00e7a de Bon Govern i Conviv\u00e8ncia Ciutadana per millorar l\u2019espai d\u2019aparcament al municipi.<\/a><\/h3>\n\t\t\t<\/header>\n\t\t<\/div>\n\t\t<div class=\"post-content\">\n\t\t\t<a href=\"https:\/\/www.psib-psoe.org\/mallorca\/lajuntament-inclou-una-iniciativa-dels-socialistes-dalaro-a-lordenanca-de-bon-govern-i-convivencia-ciutadana-per-millorar-lespai-daparcament-al-municipi\/\" class=\"more-link\">Read More<\/a>\n\t\t<\/div>\n\t\t\t<aside class=\"post-bottom-meta hide\">\n\t\t<strong rel=\"author\" itemprop=\"author\" class=\"author vcard\"><span class=\"fn\">Albert<\/span><\/strong>\n\t\t<time class=\"date published time\" datetime=\"2024-10-25T10:02:47+02:00\" itemprop=\"datePublished\" content=\"2024-10-25T10:02:47+02:00\">25\/10\/2024<\/time>\n\t\t<meta itemprop=\"dateModified\" class=\"date updated\" content=\"2024-10-25T10:02:47+02:00\">\n\t\t<span class=\"hide\" itemprop=\"publisher\" itemscope itemtype=\"https:\/\/schema.org\/Organization\">\n\t\t\t<meta itemprop=\"name\" content=\"SocialistesdMca\">\n\t\t\t<span itemprop=\"logo\" itemscope itemtype=\"https:\/\/schema.org\/ImageObject\">\n\t\t\t\t<meta itemprop=\"url\" content=\"https:\/\/www.psib-psoe.org\/mallorca\/wp-content\/themes\/notio-wp\/assets\/img\/logo.png\">\n\t\t\t<\/span>\n\t\t\t<meta itemprop=\"url\" content=\"https:\/\/www.psib-psoe.org\/mallorca\/\">\n\t\t<\/span>\n\t\t\t\t<span class=\"hide\" itemprop=\"image\" itemscope itemtype=\"http:\/\/schema.org\/ImageObject\">\n\t\t\t<meta itemprop=\"url\" content=\"https:\/\/www.psib-psoe.org\/mallorca\/wp-content\/uploads\/Alaro-gual.jpeg\">\n\t\t\t<meta itemprop=\"width\" content=\"1600\">\n\t\t\t<meta itemprop=\"height\" content=\"1200\">\n\t\t<\/span>\n\t\t\t\t<meta itemscope itemprop=\"mainEntityOfPage\" itemtype=\"https:\/\/schema.org\/WebPage\" itemid=\"https:\/\/www.psib-psoe.org\/mallorca\/lajuntament-inclou-una-iniciativa-dels-socialistes-dalaro-a-lordenanca-de-bon-govern-i-convivencia-ciutadana-per-millorar-lespai-daparcament-al-municipi\/\">\n\t<\/aside>\n\t\t<\/article>\n<\/div>\n<div class=\"small-12 large-4 columns\">\n\t<article itemscope itemtype=\"http:\/\/schema.org\/Article\" class=\"post blog-style7 alt post-29112 type-post status-publish format-standard has-post-thumbnail hentry category-federacio-de-mallorca category-federacio-de-mallorca-portada category-municipis category-portada tag-catalina-cladera tag-javier-de-juan tag-psib-psoe tag-socialistes-de-mallorca\" role=\"article\">\n\t\t<figure class=\"post-gallery\"><img loading=\"lazy\" decoding=\"async\" width=\"600\" height=\"400\" src=\"https:\/\/www.psib-psoe.org\/mallorca\/wp-content\/uploads\/Rdp-Informe-de-carrega-1-600x400.jpeg\" class=\"attachment-notio-general-x2 size-notio-general-x2 wp-post-image\" alt=\"\" srcset=\"https:\/\/www.psib-psoe.org\/mallorca\/wp-content\/uploads\/Rdp-Informe-de-carrega-1-600x400.jpeg 600w, https:\/\/www.psib-psoe.org\/mallorca\/wp-content\/uploads\/Rdp-Informe-de-carrega-1-300x200.jpeg 300w, https:\/\/www.psib-psoe.org\/mallorca\/wp-content\/uploads\/Rdp-Informe-de-carrega-1-900x600.jpeg 900w, https:\/\/www.psib-psoe.org\/mallorca\/wp-content\/uploads\/Rdp-Informe-de-carrega-1-20x13.jpeg 20w\" sizes=\"(max-width: 600px) 100vw, 600px\" \/><\/figure>\n\t\t<div class=\"blog-top\">\n\t\t\t<header class=\"post-title entry-header\">\n\t\t\t\t<aside class=\"post-meta cf\">\n\t\t24\/10\/2024 \/ <a href=\"https:\/\/www.psib-psoe.org\/mallorca\/category\/federacio-de-mallorca\/\" rel=\"category tag\">Federaci\u00f3 de Mallorca<\/a>, <a href=\"https:\/\/www.psib-psoe.org\/mallorca\/category\/federacio-de-mallorca-portada\/\" rel=\"category tag\">Federaci\u00f3 de Mallorca - Portada<\/a>, <a href=\"https:\/\/www.psib-psoe.org\/mallorca\/category\/municipis\/\" rel=\"category tag\">Municipis<\/a>, <a href=\"https:\/\/www.psib-psoe.org\/mallorca\/category\/portada\/\" rel=\"category tag\">Portada<\/a><\/aside>\n\t\t\t\t<h3 itemprop=\"headline\"><a href=\"https:\/\/www.psib-psoe.org\/mallorca\/cladera-volem-valentia-i-compromis-un-pla-i-un-calendari-daplicacio-de-mesures-per-una-mobilitat-sostenible-a-mallorca\/\" title=\"Cladera: \u201cVolem valentia i comprom\u00eds, un pla i un calendari d\u2019aplicaci\u00f3 de mesures per una mobilitat sostenible a Mallorca&#8221;\">Cladera: \u201cVolem valentia i comprom\u00eds, un pla i un calendari d\u2019aplicaci\u00f3 de mesures per una mobilitat sostenible a Mallorca&#8221;<\/a><\/h3>\n\t\t\t<\/header>\n\t\t<\/div>\n\t\t<div class=\"post-content\">\n\t\t\t<a href=\"https:\/\/www.psib-psoe.org\/mallorca\/cladera-volem-valentia-i-compromis-un-pla-i-un-calendari-daplicacio-de-mesures-per-una-mobilitat-sostenible-a-mallorca\/\" class=\"more-link\">Read More<\/a>\n\t\t<\/div>\n\t\t\t<aside class=\"post-bottom-meta hide\">\n\t\t<strong rel=\"author\" itemprop=\"author\" class=\"author vcard\"><span class=\"fn\">Albert<\/span><\/strong>\n\t\t<time class=\"date published time\" datetime=\"2024-10-24T13:15:59+02:00\" itemprop=\"datePublished\" content=\"2024-10-24T13:15:59+02:00\">24\/10\/2024<\/time>\n\t\t<meta itemprop=\"dateModified\" class=\"date updated\" content=\"2024-10-24T13:34:13+02:00\">\n\t\t<span class=\"hide\" itemprop=\"publisher\" itemscope itemtype=\"https:\/\/schema.org\/Organization\">\n\t\t\t<meta itemprop=\"name\" content=\"SocialistesdMca\">\n\t\t\t<span itemprop=\"logo\" itemscope itemtype=\"https:\/\/schema.org\/ImageObject\">\n\t\t\t\t<meta itemprop=\"url\" content=\"https:\/\/www.psib-psoe.org\/mallorca\/wp-content\/themes\/notio-wp\/assets\/img\/logo.png\">\n\t\t\t<\/span>\n\t\t\t<meta itemprop=\"url\" content=\"https:\/\/www.psib-psoe.org\/mallorca\/\">\n\t\t<\/span>\n\t\t\t\t<span class=\"hide\" itemprop=\"image\" itemscope itemtype=\"http:\/\/schema.org\/ImageObject\">\n\t\t\t<meta itemprop=\"url\" content=\"https:\/\/www.psib-psoe.org\/mallorca\/wp-content\/uploads\/Rdp-Informe-de-carrega-1.jpeg\">\n\t\t\t<meta itemprop=\"width\" content=\"2560\">\n\t\t\t<meta itemprop=\"height\" content=\"1920\">\n\t\t<\/span>\n\t\t\t\t<meta itemscope itemprop=\"mainEntityOfPage\" itemtype=\"https:\/\/schema.org\/WebPage\" itemid=\"https:\/\/www.psib-psoe.org\/mallorca\/cladera-volem-valentia-i-compromis-un-pla-i-un-calendari-daplicacio-de-mesures-per-una-mobilitat-sostenible-a-mallorca\/\">\n\t<\/aside>\n\t\t<\/article>\n<\/div>\n<div class=\"small-12 large-4 columns\">\n\t<article itemscope itemtype=\"http:\/\/schema.org\/Article\" class=\"post blog-style7 alt post-29097 type-post status-publish format-standard has-post-thumbnail hentry category-federacio-de-mallorca category-federacio-de-mallorca-portada category-municipis category-portada tag-agrupacio-socialista-de-sineu tag-bea-gamundi tag-catalina-cladera tag-juana-m-adrover tag-marc-pons tag-psib-psoe\" role=\"article\">\n\t\t<figure class=\"post-gallery\"><img loading=\"lazy\" decoding=\"async\" width=\"600\" height=\"400\" src=\"https:\/\/www.psib-psoe.org\/mallorca\/wp-content\/uploads\/Parlament-PNL-MGgranges-600x400.jpeg\" class=\"attachment-notio-general-x2 size-notio-general-x2 wp-post-image\" alt=\"\" srcset=\"https:\/\/www.psib-psoe.org\/mallorca\/wp-content\/uploads\/Parlament-PNL-MGgranges-600x400.jpeg 600w, https:\/\/www.psib-psoe.org\/mallorca\/wp-content\/uploads\/Parlament-PNL-MGgranges-300x200.jpeg 300w, https:\/\/www.psib-psoe.org\/mallorca\/wp-content\/uploads\/Parlament-PNL-MGgranges-900x600.jpeg 900w, https:\/\/www.psib-psoe.org\/mallorca\/wp-content\/uploads\/Parlament-PNL-MGgranges-20x13.jpeg 20w\" sizes=\"(max-width: 600px) 100vw, 600px\" \/><\/figure>\n\t\t<div class=\"blog-top\">\n\t\t\t<header class=\"post-title entry-header\">\n\t\t\t\t<aside class=\"post-meta cf\">\n\t\t22\/10\/2024 \/ <a href=\"https:\/\/www.psib-psoe.org\/mallorca\/category\/federacio-de-mallorca\/\" rel=\"category tag\">Federaci\u00f3 de Mallorca<\/a>, <a href=\"https:\/\/www.psib-psoe.org\/mallorca\/category\/federacio-de-mallorca-portada\/\" rel=\"category tag\">Federaci\u00f3 de Mallorca - Portada<\/a>, <a href=\"https:\/\/www.psib-psoe.org\/mallorca\/category\/municipis\/\" rel=\"category tag\">Municipis<\/a>, <a href=\"https:\/\/www.psib-psoe.org\/mallorca\/category\/portada\/\" rel=\"category tag\">Portada<\/a><\/aside>\n\t\t\t\t<h3 itemprop=\"headline\"><a href=\"https:\/\/www.psib-psoe.org\/mallorca\/ppvox-rebutja-al-parlament-una-iniciativa-del-psib-per-impedir-projectes-de-macro-granges-ramaderes-com-la-de-sineu\/\" title=\"PPVox rebutja al Parlament una iniciativa del PSIB per impedir projectes de \u2018macro-granges\u2019 ramaderes com la de Sineu.\">PPVox rebutja al Parlament una iniciativa del PSIB per impedir projectes de \u2018macro-granges\u2019 ramaderes com la de Sineu.<\/a><\/h3>\n\t\t\t<\/header>\n\t\t<\/div>\n\t\t<div class=\"post-content\">\n\t\t\t<a href=\"https:\/\/www.psib-psoe.org\/mallorca\/ppvox-rebutja-al-parlament-una-iniciativa-del-psib-per-impedir-projectes-de-macro-granges-ramaderes-com-la-de-sineu\/\" class=\"more-link\">Read More<\/a>\n\t\t<\/div>\n\t\t\t<aside class=\"post-bottom-meta hide\">\n\t\t<strong rel=\"author\" itemprop=\"author\" class=\"author vcard\"><span class=\"fn\">Albert<\/span><\/strong>\n\t\t<time class=\"date published time\" datetime=\"2024-10-22T18:31:57+02:00\" itemprop=\"datePublished\" content=\"2024-10-22T18:31:57+02:00\">22\/10\/2024<\/time>\n\t\t<meta itemprop=\"dateModified\" class=\"date updated\" content=\"2024-10-22T18:31:57+02:00\">\n\t\t<span class=\"hide\" itemprop=\"publisher\" itemscope itemtype=\"https:\/\/schema.org\/Organization\">\n\t\t\t<meta itemprop=\"name\" content=\"SocialistesdMca\">\n\t\t\t<span itemprop=\"logo\" itemscope itemtype=\"https:\/\/schema.org\/ImageObject\">\n\t\t\t\t<meta itemprop=\"url\" content=\"https:\/\/www.psib-psoe.org\/mallorca\/wp-content\/themes\/notio-wp\/assets\/img\/logo.png\">\n\t\t\t<\/span>\n\t\t\t<meta itemprop=\"url\" content=\"https:\/\/www.psib-psoe.org\/mallorca\/\">\n\t\t<\/span>\n\t\t\t\t<span class=\"hide\" itemprop=\"image\" itemscope itemtype=\"http:\/\/schema.org\/ImageObject\">\n\t\t\t<meta itemprop=\"url\" content=\"https:\/\/www.psib-psoe.org\/mallorca\/wp-content\/uploads\/Parlament-PNL-MGgranges.jpeg\">\n\t\t\t<meta itemprop=\"width\" content=\"2000\">\n\t\t\t<meta itemprop=\"height\" content=\"1500\">\n\t\t<\/span>\n\t\t\t\t<meta itemscope itemprop=\"mainEntityOfPage\" itemtype=\"https:\/\/schema.org\/WebPage\" itemid=\"https:\/\/www.psib-psoe.org\/mallorca\/ppvox-rebutja-al-parlament-una-iniciativa-del-psib-per-impedir-projectes-de-macro-granges-ramaderes-com-la-de-sineu\/\">\n\t<\/aside>\n\t\t<\/article>\n<\/div>\n<div class=\"small-12 large-4 columns\">\n\t<article itemscope itemtype=\"http:\/\/schema.org\/Article\" class=\"post blog-style7 alt post-29092 type-post status-publish format-standard has-post-thumbnail hentry category-federacio-de-mallorca category-federacio-de-mallorca-portada category-municipis category-portada tag-catalina-cladera tag-francina-armengol tag-marti-march tag-pollenca tag-psib-psoe tag-socialistes-de-pollenca\" role=\"article\">\n\t\t<figure class=\"post-gallery\"><img loading=\"lazy\" decoding=\"async\" width=\"600\" height=\"400\" src=\"https:\/\/www.psib-psoe.org\/mallorca\/wp-content\/uploads\/191024_-Foto-grup-acte-600x400.jpg\" class=\"attachment-notio-general-x2 size-notio-general-x2 wp-post-image\" alt=\"\" srcset=\"https:\/\/www.psib-psoe.org\/mallorca\/wp-content\/uploads\/191024_-Foto-grup-acte-600x400.jpg 600w, https:\/\/www.psib-psoe.org\/mallorca\/wp-content\/uploads\/191024_-Foto-grup-acte-300x200.jpg 300w, https:\/\/www.psib-psoe.org\/mallorca\/wp-content\/uploads\/191024_-Foto-grup-acte-20x13.jpg 20w, https:\/\/www.psib-psoe.org\/mallorca\/wp-content\/uploads\/191024_-Foto-grup-acte-900x600.jpg 900w\" sizes=\"(max-width: 600px) 100vw, 600px\" \/><\/figure>\n\t\t<div class=\"blog-top\">\n\t\t\t<header class=\"post-title entry-header\">\n\t\t\t\t<aside class=\"post-meta cf\">\n\t\t19\/10\/2024 \/ <a href=\"https:\/\/www.psib-psoe.org\/mallorca\/category\/federacio-de-mallorca\/\" rel=\"category tag\">Federaci\u00f3 de Mallorca<\/a>, <a href=\"https:\/\/www.psib-psoe.org\/mallorca\/category\/federacio-de-mallorca-portada\/\" rel=\"category tag\">Federaci\u00f3 de Mallorca - Portada<\/a>, <a href=\"https:\/\/www.psib-psoe.org\/mallorca\/category\/municipis\/\" rel=\"category tag\">Municipis<\/a>, <a href=\"https:\/\/www.psib-psoe.org\/mallorca\/category\/portada\/\" rel=\"category tag\">Portada<\/a><\/aside>\n\t\t\t\t<h3 itemprop=\"headline\"><a href=\"https:\/\/www.psib-psoe.org\/mallorca\/armengol-i-cladera-reten-homenatge-als-45-anys-de-socialisme-a-pollenca-i-els-25-anys-de-la-investidura-de-la-primera-dona-batlessa\/\" title=\"Armengol i Cladera reten homenatge als 45 anys de socialisme a Pollen\u00e7a i els 25 anys de la investidura de la primera dona batlessa\">Armengol i Cladera reten homenatge als 45 anys de socialisme a Pollen\u00e7a i els 25 anys de la investidura de la primera dona batlessa<\/a><\/h3>\n\t\t\t<\/header>\n\t\t<\/div>\n\t\t<div class=\"post-content\">\n\t\t\t<a href=\"https:\/\/www.psib-psoe.org\/mallorca\/armengol-i-cladera-reten-homenatge-als-45-anys-de-socialisme-a-pollenca-i-els-25-anys-de-la-investidura-de-la-primera-dona-batlessa\/\" class=\"more-link\">Read More<\/a>\n\t\t<\/div>\n\t\t\t<aside class=\"post-bottom-meta hide\">\n\t\t<strong rel=\"author\" itemprop=\"author\" class=\"author vcard\"><span class=\"fn\">Socialistes de Mallorca<\/span><\/strong>\n\t\t<time class=\"date published time\" datetime=\"2024-10-19T16:56:27+02:00\" itemprop=\"datePublished\" content=\"2024-10-19T16:56:27+02:00\">19\/10\/2024<\/time>\n\t\t<meta itemprop=\"dateModified\" class=\"date updated\" content=\"2024-10-19T16:57:11+02:00\">\n\t\t<span class=\"hide\" itemprop=\"publisher\" itemscope itemtype=\"https:\/\/schema.org\/Organization\">\n\t\t\t<meta itemprop=\"name\" content=\"SocialistesdMca\">\n\t\t\t<span itemprop=\"logo\" itemscope itemtype=\"https:\/\/schema.org\/ImageObject\">\n\t\t\t\t<meta itemprop=\"url\" content=\"https:\/\/www.psib-psoe.org\/mallorca\/wp-content\/themes\/notio-wp\/assets\/img\/logo.png\">\n\t\t\t<\/span>\n\t\t\t<meta itemprop=\"url\" content=\"https:\/\/www.psib-psoe.org\/mallorca\/\">\n\t\t<\/span>\n\t\t\t\t<span class=\"hide\" itemprop=\"image\" itemscope itemtype=\"http:\/\/schema.org\/ImageObject\">\n\t\t\t<meta itemprop=\"url\" content=\"https:\/\/www.psib-psoe.org\/mallorca\/wp-content\/uploads\/191024_-Foto-grup-acte.jpg\">\n\t\t\t<meta itemprop=\"width\" content=\"3740\">\n\t\t\t<meta itemprop=\"height\" content=\"2199\">\n\t\t<\/span>\n\t\t\t\t<meta itemscope itemprop=\"mainEntityOfPage\" itemtype=\"https:\/\/schema.org\/WebPage\" itemid=\"https:\/\/www.psib-psoe.org\/mallorca\/armengol-i-cladera-reten-homenatge-als-45-anys-de-socialisme-a-pollenca-i-els-25-anys-de-la-investidura-de-la-primera-dona-batlessa\/\">\n\t<\/aside>\n\t\t<\/article>\n<\/div>\n<div class=\"small-12 large-4 columns\">\n\t<article itemscope itemtype=\"http:\/\/schema.org\/Article\" class=\"post blog-style7 alt post-29089 type-post status-publish format-standard has-post-thumbnail hentry category-consell-de-mallorca category-federacio-de-mallorca category-federacio-de-mallorca-portada category-municipis category-portada tag-agrupacio-socialista-de-bunyola tag-bea-gamundi tag-catalina-cladera tag-federacio-socialista-de-mallorca tag-javier-de-juan tag-joan-ferrer tag-paca-orell tag-psib-psoe\" role=\"article\">\n\t\t<figure class=\"post-gallery\"><img loading=\"lazy\" decoding=\"async\" width=\"600\" height=\"400\" src=\"https:\/\/www.psib-psoe.org\/mallorca\/wp-content\/uploads\/Caubet-4-600x400.jpeg\" class=\"attachment-notio-general-x2 size-notio-general-x2 wp-post-image\" alt=\"\" srcset=\"https:\/\/www.psib-psoe.org\/mallorca\/wp-content\/uploads\/Caubet-4-600x400.jpeg 600w, https:\/\/www.psib-psoe.org\/mallorca\/wp-content\/uploads\/Caubet-4-300x200.jpeg 300w, https:\/\/www.psib-psoe.org\/mallorca\/wp-content\/uploads\/Caubet-4-900x600.jpeg 900w, https:\/\/www.psib-psoe.org\/mallorca\/wp-content\/uploads\/Caubet-4-20x13.jpeg 20w\" sizes=\"(max-width: 600px) 100vw, 600px\" \/><\/figure>\n\t\t<div class=\"blog-top\">\n\t\t\t<header class=\"post-title entry-header\">\n\t\t\t\t<aside class=\"post-meta cf\">\n\t\t18\/10\/2024 \/ <a href=\"https:\/\/www.psib-psoe.org\/mallorca\/category\/consell-de-mallorca\/\" rel=\"category tag\">Consell de Mallorca<\/a>, <a href=\"https:\/\/www.psib-psoe.org\/mallorca\/category\/federacio-de-mallorca\/\" rel=\"category tag\">Federaci\u00f3 de Mallorca<\/a>, <a href=\"https:\/\/www.psib-psoe.org\/mallorca\/category\/federacio-de-mallorca-portada\/\" rel=\"category tag\">Federaci\u00f3 de Mallorca - Portada<\/a>, <a href=\"https:\/\/www.psib-psoe.org\/mallorca\/category\/municipis\/\" rel=\"category tag\">Municipis<\/a>, <a href=\"https:\/\/www.psib-psoe.org\/mallorca\/category\/portada\/\" rel=\"category tag\">Portada<\/a><\/aside>\n\t\t\t\t<h3 itemprop=\"headline\"><a href=\"https:\/\/www.psib-psoe.org\/mallorca\/els-socialistes-de-bunyola-demanen-la-reforma-integral-del-vial-dacces-a-lhospital-joan-march\/\" title=\"Els Socialistes de Bunyola demanen la reforma integral  del vial d\u2019acc\u00e9s a l\u2019Hospital Joan March.\">Els Socialistes de Bunyola demanen la reforma integral  del vial d\u2019acc\u00e9s a l\u2019Hospital Joan March.<\/a><\/h3>\n\t\t\t<\/header>\n\t\t<\/div>\n\t\t<div class=\"post-content\">\n\t\t\t<a href=\"https:\/\/www.psib-psoe.org\/mallorca\/els-socialistes-de-bunyola-demanen-la-reforma-integral-del-vial-dacces-a-lhospital-joan-march\/\" class=\"more-link\">Read More<\/a>\n\t\t<\/div>\n\t\t\t<aside class=\"post-bottom-meta hide\">\n\t\t<strong rel=\"author\" itemprop=\"author\" class=\"author vcard\"><span class=\"fn\">Albert<\/span><\/strong>\n\t\t<time class=\"date published time\" datetime=\"2024-10-18T09:24:20+02:00\" itemprop=\"datePublished\" content=\"2024-10-18T09:24:20+02:00\">18\/10\/2024<\/time>\n\t\t<meta itemprop=\"dateModified\" class=\"date updated\" content=\"2024-10-18T09:24:20+02:00\">\n\t\t<span class=\"hide\" itemprop=\"publisher\" itemscope itemtype=\"https:\/\/schema.org\/Organization\">\n\t\t\t<meta itemprop=\"name\" content=\"SocialistesdMca\">\n\t\t\t<span itemprop=\"logo\" itemscope itemtype=\"https:\/\/schema.org\/ImageObject\">\n\t\t\t\t<meta itemprop=\"url\" content=\"https:\/\/www.psib-psoe.org\/mallorca\/wp-content\/themes\/notio-wp\/assets\/img\/logo.png\">\n\t\t\t<\/span>\n\t\t\t<meta itemprop=\"url\" content=\"https:\/\/www.psib-psoe.org\/mallorca\/\">\n\t\t<\/span>\n\t\t\t\t<span class=\"hide\" itemprop=\"image\" itemscope itemtype=\"http:\/\/schema.org\/ImageObject\">\n\t\t\t<meta itemprop=\"url\" content=\"https:\/\/www.psib-psoe.org\/mallorca\/wp-content\/uploads\/Caubet-4.jpeg\">\n\t\t\t<meta itemprop=\"width\" content=\"2048\">\n\t\t\t<meta itemprop=\"height\" content=\"1536\">\n\t\t<\/span>\n\t\t\t\t<meta itemscope itemprop=\"mainEntityOfPage\" itemtype=\"https:\/\/schema.org\/WebPage\" itemid=\"https:\/\/www.psib-psoe.org\/mallorca\/els-socialistes-de-bunyola-demanen-la-reforma-integral-del-vial-dacces-a-lhospital-joan-march\/\">\n\t<\/aside>\n\t\t<\/article>\n<\/div>\n<div class=\"small-12 large-4 columns\">\n\t<article itemscope itemtype=\"http:\/\/schema.org\/Article\" class=\"post blog-style7 alt post-29087 type-post status-publish format-standard has-post-thumbnail hentry category-consell-de-mallorca category-federacio-de-mallorca category-federacio-de-mallorca-portada category-municipis category-portada tag-agrupacio-socialista-de-santa-margalida tag-catalina-cladera tag-federacio-socialista-de-mallorca tag-javier-de-juan tag-psib-psoe tag-xisco-bergas\" role=\"article\">\n\t\t<figure class=\"post-gallery\"><img loading=\"lazy\" decoding=\"async\" width=\"600\" height=\"400\" src=\"https:\/\/www.psib-psoe.org\/mallorca\/wp-content\/uploads\/240824-Xisco-Bergas-i-Catalina-Cladera-1-600x400.jpg\" class=\"attachment-notio-general-x2 size-notio-general-x2 wp-post-image\" alt=\"\" srcset=\"https:\/\/www.psib-psoe.org\/mallorca\/wp-content\/uploads\/240824-Xisco-Bergas-i-Catalina-Cladera-1-600x400.jpg 600w, https:\/\/www.psib-psoe.org\/mallorca\/wp-content\/uploads\/240824-Xisco-Bergas-i-Catalina-Cladera-1-300x200.jpg 300w, https:\/\/www.psib-psoe.org\/mallorca\/wp-content\/uploads\/240824-Xisco-Bergas-i-Catalina-Cladera-1-768x512.jpg 768w, https:\/\/www.psib-psoe.org\/mallorca\/wp-content\/uploads\/240824-Xisco-Bergas-i-Catalina-Cladera-1-1024x682.jpg 1024w, https:\/\/www.psib-psoe.org\/mallorca\/wp-content\/uploads\/240824-Xisco-Bergas-i-Catalina-Cladera-1-150x100.jpg 150w, https:\/\/www.psib-psoe.org\/mallorca\/wp-content\/uploads\/240824-Xisco-Bergas-i-Catalina-Cladera-1-900x600.jpg 900w, https:\/\/www.psib-psoe.org\/mallorca\/wp-content\/uploads\/240824-Xisco-Bergas-i-Catalina-Cladera-1-20x13.jpg 20w, https:\/\/www.psib-psoe.org\/mallorca\/wp-content\/uploads\/240824-Xisco-Bergas-i-Catalina-Cladera-1.jpg 1600w\" sizes=\"(max-width: 600px) 100vw, 600px\" \/><\/figure>\n\t\t<div class=\"blog-top\">\n\t\t\t<header class=\"post-title entry-header\">\n\t\t\t\t<aside class=\"post-meta cf\">\n\t\t16\/10\/2024 \/ <a href=\"https:\/\/www.psib-psoe.org\/mallorca\/category\/consell-de-mallorca\/\" rel=\"category tag\">Consell de Mallorca<\/a>, <a href=\"https:\/\/www.psib-psoe.org\/mallorca\/category\/federacio-de-mallorca\/\" rel=\"category tag\">Federaci\u00f3 de Mallorca<\/a>, <a href=\"https:\/\/www.psib-psoe.org\/mallorca\/category\/federacio-de-mallorca-portada\/\" rel=\"category tag\">Federaci\u00f3 de Mallorca - Portada<\/a>, <a href=\"https:\/\/www.psib-psoe.org\/mallorca\/category\/municipis\/\" rel=\"category tag\">Municipis<\/a>, <a href=\"https:\/\/www.psib-psoe.org\/mallorca\/category\/portada\/\" rel=\"category tag\">Portada<\/a><\/aside>\n\t\t\t\t<h3 itemprop=\"headline\"><a href=\"https:\/\/www.psib-psoe.org\/mallorca\/els-socialistes-de-santa-margalida-denuncien-que-el-pacte-ocult-entre-el-partit-popular-i-joan-monjo-per-la-batlia-es-basa-en-la-impunitat-del-seu-agroturisme\/\" title=\"Els Socialistes de Santa Margalida denuncien que el pacte ocult entre el Partit Popular i Joan Monjo per la batlia es basa en la impunitat del seu agroturisme.\">Els Socialistes de Santa Margalida denuncien que el pacte ocult entre el Partit Popular i Joan Monjo per la batlia es basa en la impunitat del seu agroturisme.<\/a><\/h3>\n\t\t\t<\/header>\n\t\t<\/div>\n\t\t<div class=\"post-content\">\n\t\t\t<a href=\"https:\/\/www.psib-psoe.org\/mallorca\/els-socialistes-de-santa-margalida-denuncien-que-el-pacte-ocult-entre-el-partit-popular-i-joan-monjo-per-la-batlia-es-basa-en-la-impunitat-del-seu-agroturisme\/\" class=\"more-link\">Read More<\/a>\n\t\t<\/div>\n\t\t\t<aside class=\"post-bottom-meta hide\">\n\t\t<strong rel=\"author\" itemprop=\"author\" class=\"author vcard\"><span class=\"fn\">Albert<\/span><\/strong>\n\t\t<time class=\"date published time\" datetime=\"2024-10-16T19:10:20+02:00\" itemprop=\"datePublished\" content=\"2024-10-16T19:10:20+02:00\">16\/10\/2024<\/time>\n\t\t<meta itemprop=\"dateModified\" class=\"date updated\" content=\"2024-10-16T19:10:20+02:00\">\n\t\t<span class=\"hide\" itemprop=\"publisher\" itemscope itemtype=\"https:\/\/schema.org\/Organization\">\n\t\t\t<meta itemprop=\"name\" content=\"SocialistesdMca\">\n\t\t\t<span itemprop=\"logo\" itemscope itemtype=\"https:\/\/schema.org\/ImageObject\">\n\t\t\t\t<meta itemprop=\"url\" content=\"https:\/\/www.psib-psoe.org\/mallorca\/wp-content\/themes\/notio-wp\/assets\/img\/logo.png\">\n\t\t\t<\/span>\n\t\t\t<meta itemprop=\"url\" content=\"https:\/\/www.psib-psoe.org\/mallorca\/\">\n\t\t<\/span>\n\t\t\t\t<span class=\"hide\" itemprop=\"image\" itemscope itemtype=\"http:\/\/schema.org\/ImageObject\">\n\t\t\t<meta itemprop=\"url\" content=\"https:\/\/www.psib-psoe.org\/mallorca\/wp-content\/uploads\/240824-Xisco-Bergas-i-Catalina-Cladera-1.jpg\">\n\t\t\t<meta itemprop=\"width\" content=\"1600\">\n\t\t\t<meta itemprop=\"height\" content=\"1066\">\n\t\t<\/span>\n\t\t\t\t<meta itemscope itemprop=\"mainEntityOfPage\" itemtype=\"https:\/\/schema.org\/WebPage\" itemid=\"https:\/\/www.psib-psoe.org\/mallorca\/els-socialistes-de-santa-margalida-denuncien-que-el-pacte-ocult-entre-el-partit-popular-i-joan-monjo-per-la-batlia-es-basa-en-la-impunitat-del-seu-agroturisme\/\">\n\t<\/aside>\n\t\t<\/article>\n<\/div>\n<div class=\"small-12 large-4 columns\">\n\t<article itemscope itemtype=\"http:\/\/schema.org\/Article\" class=\"post blog-style7 alt post-29083 type-post status-publish format-standard has-post-thumbnail hentry category-consell-de-mallorca category-federacio-de-mallorca category-federacio-de-mallorca-portada category-municipis category-portada tag-agrupacio-socialista-de-santa-margalida tag-catalina-cladera tag-federacio-socialista-de-mallorca tag-javier-de-juan tag-psib-psoe tag-xisco-bergas\" role=\"article\">\n\t\t<figure class=\"post-gallery\"><img loading=\"lazy\" decoding=\"async\" width=\"600\" height=\"400\" src=\"https:\/\/www.psib-psoe.org\/mallorca\/wp-content\/uploads\/rdp-tancament-sa-Talaia-600x400.jpeg\" class=\"attachment-notio-general-x2 size-notio-general-x2 wp-post-image\" alt=\"\" srcset=\"https:\/\/www.psib-psoe.org\/mallorca\/wp-content\/uploads\/rdp-tancament-sa-Talaia-600x400.jpeg 600w, https:\/\/www.psib-psoe.org\/mallorca\/wp-content\/uploads\/rdp-tancament-sa-Talaia-300x200.jpeg 300w, https:\/\/www.psib-psoe.org\/mallorca\/wp-content\/uploads\/rdp-tancament-sa-Talaia-20x13.jpeg 20w, https:\/\/www.psib-psoe.org\/mallorca\/wp-content\/uploads\/rdp-tancament-sa-Talaia-900x600.jpeg 900w\" sizes=\"(max-width: 600px) 100vw, 600px\" \/><\/figure>\n\t\t<div class=\"blog-top\">\n\t\t\t<header class=\"post-title entry-header\">\n\t\t\t\t<aside class=\"post-meta cf\">\n\t\t16\/10\/2024 \/ <a href=\"https:\/\/www.psib-psoe.org\/mallorca\/category\/consell-de-mallorca\/\" rel=\"category tag\">Consell de Mallorca<\/a>, <a href=\"https:\/\/www.psib-psoe.org\/mallorca\/category\/federacio-de-mallorca\/\" rel=\"category tag\">Federaci\u00f3 de Mallorca<\/a>, <a href=\"https:\/\/www.psib-psoe.org\/mallorca\/category\/federacio-de-mallorca-portada\/\" rel=\"category tag\">Federaci\u00f3 de Mallorca - Portada<\/a>, <a href=\"https:\/\/www.psib-psoe.org\/mallorca\/category\/municipis\/\" rel=\"category tag\">Municipis<\/a>, <a href=\"https:\/\/www.psib-psoe.org\/mallorca\/category\/portada\/\" rel=\"category tag\">Portada<\/a><\/aside>\n\t\t\t\t<h3 itemprop=\"headline\"><a href=\"https:\/\/www.psib-psoe.org\/mallorca\/els-socialistes-exigeixen-el-tancament-cautelar-immediat-de-lagroturisme-sa-talaia-blanca-de-muro-per-no-tenir-llicencia-dactivitat-turistica\/\" title=\"Els Socialistes exigeixen el tancament cautelar immediat de l\u2019agroturisme Sa Talaia Blanca de Muro per no tenir llic\u00e8ncia d\u2019activitat tur\u00edstica.\">Els Socialistes exigeixen el tancament cautelar immediat de l\u2019agroturisme Sa Talaia Blanca de Muro per no tenir llic\u00e8ncia d\u2019activitat tur\u00edstica.<\/a><\/h3>\n\t\t\t<\/header>\n\t\t<\/div>\n\t\t<div class=\"post-content\">\n\t\t\t<a href=\"https:\/\/www.psib-psoe.org\/mallorca\/els-socialistes-exigeixen-el-tancament-cautelar-immediat-de-lagroturisme-sa-talaia-blanca-de-muro-per-no-tenir-llicencia-dactivitat-turistica\/\" class=\"more-link\">Read More<\/a>\n\t\t<\/div>\n\t\t\t<aside class=\"post-bottom-meta hide\">\n\t\t<strong rel=\"author\" itemprop=\"author\" class=\"author vcard\"><span class=\"fn\">Albert<\/span><\/strong>\n\t\t<time class=\"date published time\" datetime=\"2024-10-16T12:57:25+02:00\" itemprop=\"datePublished\" content=\"2024-10-16T12:57:25+02:00\">16\/10\/2024<\/time>\n\t\t<meta itemprop=\"dateModified\" class=\"date updated\" content=\"2024-10-16T12:57:25+02:00\">\n\t\t<span class=\"hide\" itemprop=\"publisher\" itemscope itemtype=\"https:\/\/schema.org\/Organization\">\n\t\t\t<meta itemprop=\"name\" content=\"SocialistesdMca\">\n\t\t\t<span itemprop=\"logo\" itemscope itemtype=\"https:\/\/schema.org\/ImageObject\">\n\t\t\t\t<meta itemprop=\"url\" content=\"https:\/\/www.psib-psoe.org\/mallorca\/wp-content\/themes\/notio-wp\/assets\/img\/logo.png\">\n\t\t\t<\/span>\n\t\t\t<meta itemprop=\"url\" content=\"https:\/\/www.psib-psoe.org\/mallorca\/\">\n\t\t<\/span>\n\t\t\t\t<span class=\"hide\" itemprop=\"image\" itemscope itemtype=\"http:\/\/schema.org\/ImageObject\">\n\t\t\t<meta itemprop=\"url\" content=\"https:\/\/www.psib-psoe.org\/mallorca\/wp-content\/uploads\/rdp-tancament-sa-Talaia.jpeg\">\n\t\t\t<meta itemprop=\"width\" content=\"2560\">\n\t\t\t<meta itemprop=\"height\" content=\"1745\">\n\t\t<\/span>\n\t\t\t\t<meta itemscope itemprop=\"mainEntityOfPage\" itemtype=\"https:\/\/schema.org\/WebPage\" itemid=\"https:\/\/www.psib-psoe.org\/mallorca\/els-socialistes-exigeixen-el-tancament-cautelar-immediat-de-lagroturisme-sa-talaia-blanca-de-muro-per-no-tenir-llicencia-dactivitat-turistica\/\">\n\t<\/aside>\n\t\t<\/article>\n<\/div>\n<div class=\"small-12 large-4 columns\">\n\t<article itemscope itemtype=\"http:\/\/schema.org\/Article\" class=\"post blog-style7 alt post-29059 type-post status-publish format-standard has-post-thumbnail hentry category-federacio-de-mallorca category-federacio-de-mallorca-portada category-municipis category-portada tag-agrupacio-socialista-de-llucmajor tag-antonia-sastre tag-catalina-cladera tag-federacio-socialista-de-mallorca tag-jaume-j-oliver tag-javier-de-juan tag-joan-ferrer tag-psib-psoe\" role=\"article\">\n\t\t<figure class=\"post-gallery\"><img loading=\"lazy\" decoding=\"async\" width=\"600\" height=\"400\" src=\"https:\/\/www.psib-psoe.org\/mallorca\/wp-content\/uploads\/Llucmajor-fires-600x400.jpeg\" class=\"attachment-notio-general-x2 size-notio-general-x2 wp-post-image\" alt=\"\" srcset=\"https:\/\/www.psib-psoe.org\/mallorca\/wp-content\/uploads\/Llucmajor-fires-600x400.jpeg 600w, https:\/\/www.psib-psoe.org\/mallorca\/wp-content\/uploads\/Llucmajor-fires-300x200.jpeg 300w, https:\/\/www.psib-psoe.org\/mallorca\/wp-content\/uploads\/Llucmajor-fires-768x512.jpeg 768w, https:\/\/www.psib-psoe.org\/mallorca\/wp-content\/uploads\/Llucmajor-fires-1024x683.jpeg 1024w, https:\/\/www.psib-psoe.org\/mallorca\/wp-content\/uploads\/Llucmajor-fires-150x100.jpeg 150w, https:\/\/www.psib-psoe.org\/mallorca\/wp-content\/uploads\/Llucmajor-fires-900x600.jpeg 900w, https:\/\/www.psib-psoe.org\/mallorca\/wp-content\/uploads\/Llucmajor-fires-20x13.jpeg 20w, https:\/\/www.psib-psoe.org\/mallorca\/wp-content\/uploads\/Llucmajor-fires.jpeg 2048w\" sizes=\"(max-width: 600px) 100vw, 600px\" \/><\/figure>\n\t\t<div class=\"blog-top\">\n\t\t\t<header class=\"post-title entry-header\">\n\t\t\t\t<aside class=\"post-meta cf\">\n\t\t14\/10\/2024 \/ <a href=\"https:\/\/www.psib-psoe.org\/mallorca\/category\/federacio-de-mallorca\/\" rel=\"category tag\">Federaci\u00f3 de Mallorca<\/a>, <a href=\"https:\/\/www.psib-psoe.org\/mallorca\/category\/federacio-de-mallorca-portada\/\" rel=\"category tag\">Federaci\u00f3 de Mallorca - Portada<\/a>, <a href=\"https:\/\/www.psib-psoe.org\/mallorca\/category\/municipis\/\" rel=\"category tag\">Municipis<\/a>, <a href=\"https:\/\/www.psib-psoe.org\/mallorca\/category\/portada\/\" rel=\"category tag\">Portada<\/a><\/aside>\n\t\t\t\t<h3 itemprop=\"headline\"><a href=\"https:\/\/www.psib-psoe.org\/mallorca\/els-socialistes-de-llucmajor-lamenten-que-el-pp-no-vulgui-obrir-lorganitzacio-de-les-fires-a-tota-la-societat-de-llucmajor\/\" title=\"Els Socialistes de Llucmajor lamenten que el PP no vulgui obrir l\u2019organitzaci\u00f3 de les Fires a tota la societat de Llucmajor.\">Els Socialistes de Llucmajor lamenten que el PP no vulgui obrir l\u2019organitzaci\u00f3 de les Fires a tota la societat de Llucmajor.<\/a><\/h3>\n\t\t\t<\/header>\n\t\t<\/div>\n\t\t<div class=\"post-content\">\n\t\t\t<a href=\"https:\/\/www.psib-psoe.org\/mallorca\/els-socialistes-de-llucmajor-lamenten-que-el-pp-no-vulgui-obrir-lorganitzacio-de-les-fires-a-tota-la-societat-de-llucmajor\/\" class=\"more-link\">Read More<\/a>\n\t\t<\/div>\n\t\t\t<aside class=\"post-bottom-meta hide\">\n\t\t<strong rel=\"author\" itemprop=\"author\" class=\"author vcard\"><span class=\"fn\">Albert<\/span><\/strong>\n\t\t<time class=\"date published time\" datetime=\"2024-10-14T11:06:17+02:00\" itemprop=\"datePublished\" content=\"2024-10-14T11:06:17+02:00\">14\/10\/2024<\/time>\n\t\t<meta itemprop=\"dateModified\" class=\"date updated\" content=\"2024-10-14T11:06:17+02:00\">\n\t\t<span class=\"hide\" itemprop=\"publisher\" itemscope itemtype=\"https:\/\/schema.org\/Organization\">\n\t\t\t<meta itemprop=\"name\" content=\"SocialistesdMca\">\n\t\t\t<span itemprop=\"logo\" itemscope itemtype=\"https:\/\/schema.org\/ImageObject\">\n\t\t\t\t<meta itemprop=\"url\" content=\"https:\/\/www.psib-psoe.org\/mallorca\/wp-content\/themes\/notio-wp\/assets\/img\/logo.png\">\n\t\t\t<\/span>\n\t\t\t<meta itemprop=\"url\" content=\"https:\/\/www.psib-psoe.org\/mallorca\/\">\n\t\t<\/span>\n\t\t\t\t<span class=\"hide\" itemprop=\"image\" itemscope itemtype=\"http:\/\/schema.org\/ImageObject\">\n\t\t\t<meta itemprop=\"url\" content=\"https:\/\/www.psib-psoe.org\/mallorca\/wp-content\/uploads\/Llucmajor-fires.jpeg\">\n\t\t\t<meta itemprop=\"width\" content=\"2048\">\n\t\t\t<meta itemprop=\"height\" content=\"1366\">\n\t\t<\/span>\n\t\t\t\t<meta itemscope itemprop=\"mainEntityOfPage\" itemtype=\"https:\/\/schema.org\/WebPage\" itemid=\"https:\/\/www.psib-psoe.org\/mallorca\/els-socialistes-de-llucmajor-lamenten-que-el-pp-no-vulgui-obrir-lorganitzacio-de-les-fires-a-tota-la-societat-de-llucmajor\/\">\n\t<\/aside>\n\t\t<\/article>\n<\/div>\n<div class=\"small-12 large-4 columns\">\n\t<article itemscope itemtype=\"http:\/\/schema.org\/Article\" class=\"post blog-style7 alt post-29056 type-post status-publish format-standard has-post-thumbnail hentry category-federacio-de-mallorca category-federacio-de-mallorca-portada category-municipis category-portada tag-agrupacio-socialista-de-son-servera tag-antonia-sastre tag-catalina-cladera tag-fa-fang-dong tag-federacio-socialista-de-mallorca tag-javier-de-juan tag-psib-psoe tag-reme-canadas\" role=\"article\">\n\t\t<figure class=\"post-gallery\"><img loading=\"lazy\" decoding=\"async\" width=\"600\" height=\"400\" src=\"https:\/\/www.psib-psoe.org\/mallorca\/wp-content\/uploads\/Reme-Ca\u00f1adas-Son-Servera-600x400.jpeg\" class=\"attachment-notio-general-x2 size-notio-general-x2 wp-post-image\" alt=\"\" srcset=\"https:\/\/www.psib-psoe.org\/mallorca\/wp-content\/uploads\/Reme-Ca\u00f1adas-Son-Servera-600x400.jpeg 600w, https:\/\/www.psib-psoe.org\/mallorca\/wp-content\/uploads\/Reme-Ca\u00f1adas-Son-Servera-300x200.jpeg 300w, https:\/\/www.psib-psoe.org\/mallorca\/wp-content\/uploads\/Reme-Ca\u00f1adas-Son-Servera-20x13.jpeg 20w\" sizes=\"(max-width: 600px) 100vw, 600px\" \/><\/figure>\n\t\t<div class=\"blog-top\">\n\t\t\t<header class=\"post-title entry-header\">\n\t\t\t\t<aside class=\"post-meta cf\">\n\t\t11\/10\/2024 \/ <a href=\"https:\/\/www.psib-psoe.org\/mallorca\/category\/federacio-de-mallorca\/\" rel=\"category tag\">Federaci\u00f3 de Mallorca<\/a>, <a href=\"https:\/\/www.psib-psoe.org\/mallorca\/category\/federacio-de-mallorca-portada\/\" rel=\"category tag\">Federaci\u00f3 de Mallorca - Portada<\/a>, <a href=\"https:\/\/www.psib-psoe.org\/mallorca\/category\/municipis\/\" rel=\"category tag\">Municipis<\/a>, <a href=\"https:\/\/www.psib-psoe.org\/mallorca\/category\/portada\/\" rel=\"category tag\">Portada<\/a><\/aside>\n\t\t\t\t<h3 itemprop=\"headline\"><a href=\"https:\/\/www.psib-psoe.org\/mallorca\/el-pp-de-son-servera-incompleix-el-seu-programa-electoral-i-fica-la-ma-a-la-butxaca-dels-serverins-amb-una-pujada-de-libi-del-7-per-2025\/\" title=\"El PP de Son Servera incompleix el seu programa electoral i fica la ma a la butxaca dels serverins amb una pujada de l\u2019IBI del 7% per 2025.\">El PP de Son Servera incompleix el seu programa electoral i fica la ma a la butxaca dels serverins amb una pujada de l\u2019IBI del 7% per 2025.<\/a><\/h3>\n\t\t\t<\/header>\n\t\t<\/div>\n\t\t<div class=\"post-content\">\n\t\t\t<a href=\"https:\/\/www.psib-psoe.org\/mallorca\/el-pp-de-son-servera-incompleix-el-seu-programa-electoral-i-fica-la-ma-a-la-butxaca-dels-serverins-amb-una-pujada-de-libi-del-7-per-2025\/\" class=\"more-link\">Read More<\/a>\n\t\t<\/div>\n\t\t\t<aside class=\"post-bottom-meta hide\">\n\t\t<strong rel=\"author\" itemprop=\"author\" class=\"author vcard\"><span class=\"fn\">Albert<\/span><\/strong>\n\t\t<time class=\"date published time\" datetime=\"2024-10-11T13:55:48+02:00\" itemprop=\"datePublished\" content=\"2024-10-11T13:55:48+02:00\">11\/10\/2024<\/time>\n\t\t<meta itemprop=\"dateModified\" class=\"date updated\" content=\"2024-10-14T11:39:41+02:00\">\n\t\t<span class=\"hide\" itemprop=\"publisher\" itemscope itemtype=\"https:\/\/schema.org\/Organization\">\n\t\t\t<meta itemprop=\"name\" content=\"SocialistesdMca\">\n\t\t\t<span itemprop=\"logo\" itemscope itemtype=\"https:\/\/schema.org\/ImageObject\">\n\t\t\t\t<meta itemprop=\"url\" content=\"https:\/\/www.psib-psoe.org\/mallorca\/wp-content\/themes\/notio-wp\/assets\/img\/logo.png\">\n\t\t\t<\/span>\n\t\t\t<meta itemprop=\"url\" content=\"https:\/\/www.psib-psoe.org\/mallorca\/\">\n\t\t<\/span>\n\t\t\t\t<span class=\"hide\" itemprop=\"image\" itemscope itemtype=\"http:\/\/schema.org\/ImageObject\">\n\t\t\t<meta itemprop=\"url\" content=\"https:\/\/www.psib-psoe.org\/mallorca\/wp-content\/uploads\/Reme-Ca\u00f1adas-Son-Servera.jpeg\">\n\t\t\t<meta itemprop=\"width\" content=\"849\">\n\t\t\t<meta itemprop=\"height\" content=\"1600\">\n\t\t<\/span>\n\t\t\t\t<meta itemscope itemprop=\"mainEntityOfPage\" itemtype=\"https:\/\/schema.org\/WebPage\" itemid=\"https:\/\/www.psib-psoe.org\/mallorca\/el-pp-de-son-servera-incompleix-el-seu-programa-electoral-i-fica-la-ma-a-la-butxaca-dels-serverins-amb-una-pujada-de-libi-del-7-per-2025\/\">\n\t<\/aside>\n\t\t<\/article>\n<\/div>\n<div class=\"small-12 large-4 columns\">\n\t<article itemscope itemtype=\"http:\/\/schema.org\/Article\" class=\"post blog-style7 alt post-29161 type-post status-publish format-standard has-post-thumbnail hentry category-consell-de-mallorca category-federacio-de-mallorca category-federacio-de-mallorca-portada category-portada tag-catalina-cladera tag-consell-de-mallorca tag-federacio-socialista-de-mallorca tag-javier-de-juan tag-psib-psoe\" role=\"article\">\n\t\t<figure class=\"post-gallery\"><img loading=\"lazy\" decoding=\"async\" width=\"600\" height=\"400\" src=\"https:\/\/www.psib-psoe.org\/mallorca\/wp-content\/uploads\/Rdp-Informe-de-carrega-1-600x400.jpeg\" class=\"attachment-notio-general-x2 size-notio-general-x2 wp-post-image\" alt=\"\" srcset=\"https:\/\/www.psib-psoe.org\/mallorca\/wp-content\/uploads\/Rdp-Informe-de-carrega-1-600x400.jpeg 600w, https:\/\/www.psib-psoe.org\/mallorca\/wp-content\/uploads\/Rdp-Informe-de-carrega-1-300x200.jpeg 300w, https:\/\/www.psib-psoe.org\/mallorca\/wp-content\/uploads\/Rdp-Informe-de-carrega-1-900x600.jpeg 900w, https:\/\/www.psib-psoe.org\/mallorca\/wp-content\/uploads\/Rdp-Informe-de-carrega-1-20x13.jpeg 20w\" sizes=\"(max-width: 600px) 100vw, 600px\" \/><\/figure>\n\t\t<div class=\"blog-top\">\n\t\t\t<header class=\"post-title entry-header\">\n\t\t\t\t<aside class=\"post-meta cf\">\n\t\t05\/10\/2024 \/ <a href=\"https:\/\/www.psib-psoe.org\/mallorca\/category\/consell-de-mallorca\/\" rel=\"category tag\">Consell de Mallorca<\/a>, <a href=\"https:\/\/www.psib-psoe.org\/mallorca\/category\/federacio-de-mallorca\/\" rel=\"category tag\">Federaci\u00f3 de Mallorca<\/a>, <a href=\"https:\/\/www.psib-psoe.org\/mallorca\/category\/federacio-de-mallorca-portada\/\" rel=\"category tag\">Federaci\u00f3 de Mallorca - Portada<\/a>, <a href=\"https:\/\/www.psib-psoe.org\/mallorca\/category\/portada\/\" rel=\"category tag\">Portada<\/a><\/aside>\n\t\t\t\t<h3 itemprop=\"headline\"><a href=\"https:\/\/www.psib-psoe.org\/mallorca\/cladera-galmes-cedeix-als-postulats-de-vox-i-pacta-un-pressupost-racista-per-2025-al-consell-de-mallorca\/\" title=\"Cladera: \u201cGalm\u00e9s cedeix als postulats de Vox i pacta un pressupost racista per 2025 al Consell de Mallorca\u201d\">Cladera: \u201cGalm\u00e9s cedeix als postulats de Vox i pacta un pressupost racista per 2025 al Consell de Mallorca\u201d<\/a><\/h3>\n\t\t\t<\/header>\n\t\t<\/div>\n\t\t<div class=\"post-content\">\n\t\t\t<a href=\"https:\/\/www.psib-psoe.org\/mallorca\/cladera-galmes-cedeix-als-postulats-de-vox-i-pacta-un-pressupost-racista-per-2025-al-consell-de-mallorca\/\" class=\"more-link\">Read More<\/a>\n\t\t<\/div>\n\t\t\t<aside class=\"post-bottom-meta hide\">\n\t\t<strong rel=\"author\" itemprop=\"author\" class=\"author vcard\"><span class=\"fn\">Albert<\/span><\/strong>\n\t\t<time class=\"date published time\" datetime=\"2024-10-05T18:08:13+02:00\" itemprop=\"datePublished\" content=\"2024-10-05T18:08:13+02:00\">05\/10\/2024<\/time>\n\t\t<meta itemprop=\"dateModified\" class=\"date updated\" content=\"2024-10-29T18:18:26+02:00\">\n\t\t<span class=\"hide\" itemprop=\"publisher\" itemscope itemtype=\"https:\/\/schema.org\/Organization\">\n\t\t\t<meta itemprop=\"name\" content=\"SocialistesdMca\">\n\t\t\t<span itemprop=\"logo\" itemscope itemtype=\"https:\/\/schema.org\/ImageObject\">\n\t\t\t\t<meta itemprop=\"url\" content=\"https:\/\/www.psib-psoe.org\/mallorca\/wp-content\/themes\/notio-wp\/assets\/img\/logo.png\">\n\t\t\t<\/span>\n\t\t\t<meta itemprop=\"url\" content=\"https:\/\/www.psib-psoe.org\/mallorca\/\">\n\t\t<\/span>\n\t\t\t\t<span class=\"hide\" itemprop=\"image\" itemscope itemtype=\"http:\/\/schema.org\/ImageObject\">\n\t\t\t<meta itemprop=\"url\" content=\"https:\/\/www.psib-psoe.org\/mallorca\/wp-content\/uploads\/Rdp-Informe-de-carrega-1.jpeg\">\n\t\t\t<meta itemprop=\"width\" content=\"2560\">\n\t\t\t<meta itemprop=\"height\" content=\"1920\">\n\t\t<\/span>\n\t\t\t\t<meta itemscope itemprop=\"mainEntityOfPage\" itemtype=\"https:\/\/schema.org\/WebPage\" itemid=\"https:\/\/www.psib-psoe.org\/mallorca\/cladera-galmes-cedeix-als-postulats-de-vox-i-pacta-un-pressupost-racista-per-2025-al-consell-de-mallorca\/\">\n\t<\/aside>\n\t\t<\/article>\n<\/div>\n<div class=\"small-12 large-4 columns\">\n\t<article itemscope itemtype=\"http:\/\/schema.org\/Article\" class=\"post blog-style7 alt post-29020 type-post status-publish format-standard has-post-thumbnail hentry category-consell-de-mallorca category-federacio-de-mallorca category-federacio-de-mallorca-portada category-municipis category-portada tag-agrupacio-socialista-de-pollenca tag-catalina-cladera tag-federacio-socialista-de-mallorca tag-manolo-galan tag-marti-march tag-psib-psoe tag-socialistes-darta\" role=\"article\">\n\t\t<figure class=\"post-gallery\"><img loading=\"lazy\" decoding=\"async\" width=\"600\" height=\"400\" src=\"https:\/\/www.psib-psoe.org\/mallorca\/wp-content\/uploads\/Gal\u00e1n-March-600x400.jpeg\" class=\"attachment-notio-general-x2 size-notio-general-x2 wp-post-image\" alt=\"\" srcset=\"https:\/\/www.psib-psoe.org\/mallorca\/wp-content\/uploads\/Gal\u00e1n-March-600x400.jpeg 600w, https:\/\/www.psib-psoe.org\/mallorca\/wp-content\/uploads\/Gal\u00e1n-March-300x200.jpeg 300w, https:\/\/www.psib-psoe.org\/mallorca\/wp-content\/uploads\/Gal\u00e1n-March-900x600.jpeg 900w, https:\/\/www.psib-psoe.org\/mallorca\/wp-content\/uploads\/Gal\u00e1n-March-20x13.jpeg 20w\" sizes=\"(max-width: 600px) 100vw, 600px\" \/><\/figure>\n\t\t<div class=\"blog-top\">\n\t\t\t<header class=\"post-title entry-header\">\n\t\t\t\t<aside class=\"post-meta cf\">\n\t\t02\/10\/2024 \/ <a href=\"https:\/\/www.psib-psoe.org\/mallorca\/category\/consell-de-mallorca\/\" rel=\"category tag\">Consell de Mallorca<\/a>, <a href=\"https:\/\/www.psib-psoe.org\/mallorca\/category\/federacio-de-mallorca\/\" rel=\"category tag\">Federaci\u00f3 de Mallorca<\/a>, <a href=\"https:\/\/www.psib-psoe.org\/mallorca\/category\/federacio-de-mallorca-portada\/\" rel=\"category tag\">Federaci\u00f3 de Mallorca - Portada<\/a>, <a href=\"https:\/\/www.psib-psoe.org\/mallorca\/category\/municipis\/\" rel=\"category tag\">Municipis<\/a>, <a href=\"https:\/\/www.psib-psoe.org\/mallorca\/category\/portada\/\" rel=\"category tag\">Portada<\/a><\/aside>\n\t\t\t\t<h3 itemprop=\"headline\"><a href=\"https:\/\/www.psib-psoe.org\/mallorca\/pollenca-i-arta-insten-a-limas-a-crear-una-linia-de-subvencio-per-al-financament-de-les-residencies-municipals-de-gent-gran-mentre-que-no-nassumeix-la-gestio\/\" title=\"Pollen\u00e7a i Art\u00e0 insten a l\u2019IMAS a crear una l\u00ednia de subvenci\u00f3 per al finan\u00e7ament de les resid\u00e8ncies municipals de gent gran, mentre que no n\u2019assumeix la gesti\u00f3.\">Pollen\u00e7a i Art\u00e0 insten a l\u2019IMAS a crear una l\u00ednia de subvenci\u00f3 per al finan\u00e7ament de les resid\u00e8ncies municipals de gent gran, mentre que no n\u2019assumeix la gesti\u00f3.<\/a><\/h3>\n\t\t\t<\/header>\n\t\t<\/div>\n\t\t<div class=\"post-content\">\n\t\t\t<a href=\"https:\/\/www.psib-psoe.org\/mallorca\/pollenca-i-arta-insten-a-limas-a-crear-una-linia-de-subvencio-per-al-financament-de-les-residencies-municipals-de-gent-gran-mentre-que-no-nassumeix-la-gestio\/\" class=\"more-link\">Read More<\/a>\n\t\t<\/div>\n\t\t\t<aside class=\"post-bottom-meta hide\">\n\t\t<strong rel=\"author\" itemprop=\"author\" class=\"author vcard\"><span class=\"fn\">Albert<\/span><\/strong>\n\t\t<time class=\"date published time\" datetime=\"2024-10-02T15:12:25+02:00\" itemprop=\"datePublished\" content=\"2024-10-02T15:12:25+02:00\">02\/10\/2024<\/time>\n\t\t<meta itemprop=\"dateModified\" class=\"date updated\" content=\"2024-10-14T11:39:42+02:00\">\n\t\t<span class=\"hide\" itemprop=\"publisher\" itemscope itemtype=\"https:\/\/schema.org\/Organization\">\n\t\t\t<meta itemprop=\"name\" content=\"SocialistesdMca\">\n\t\t\t<span itemprop=\"logo\" itemscope itemtype=\"https:\/\/schema.org\/ImageObject\">\n\t\t\t\t<meta itemprop=\"url\" content=\"https:\/\/www.psib-psoe.org\/mallorca\/wp-content\/themes\/notio-wp\/assets\/img\/logo.png\">\n\t\t\t<\/span>\n\t\t\t<meta itemprop=\"url\" content=\"https:\/\/www.psib-psoe.org\/mallorca\/\">\n\t\t<\/span>\n\t\t\t\t<span class=\"hide\" itemprop=\"image\" itemscope itemtype=\"http:\/\/schema.org\/ImageObject\">\n\t\t\t<meta itemprop=\"url\" content=\"https:\/\/www.psib-psoe.org\/mallorca\/wp-content\/uploads\/Gal\u00e1n-March.jpeg\">\n\t\t\t<meta itemprop=\"width\" content=\"1600\">\n\t\t\t<meta itemprop=\"height\" content=\"1600\">\n\t\t<\/span>\n\t\t\t\t<meta itemscope itemprop=\"mainEntityOfPage\" itemtype=\"https:\/\/schema.org\/WebPage\" itemid=\"https:\/\/www.psib-psoe.org\/mallorca\/pollenca-i-arta-insten-a-limas-a-crear-una-linia-de-subvencio-per-al-financament-de-les-residencies-municipals-de-gent-gran-mentre-que-no-nassumeix-la-gestio\/\">\n\t<\/aside>\n\t\t<\/article>\n<\/div>\n<div class=\"small-12 large-4 columns\">\n\t<article itemscope itemtype=\"http:\/\/schema.org\/Article\" class=\"post blog-style7 alt post-29016 type-post status-publish format-standard has-post-thumbnail hentry category-consell-de-mallorca category-federacio-de-mallorca category-federacio-de-mallorca-portada category-municipis category-portada tag-agrupacio-socialista-de-sineu tag-catalina-cladera tag-federacio-socialista-de-mallorca tag-jose-manuel-garcia tag-marc-pons tag-psib-psoe\" role=\"article\">\n\t\t<figure class=\"post-gallery\"><img loading=\"lazy\" decoding=\"async\" width=\"600\" height=\"400\" src=\"https:\/\/www.psib-psoe.org\/mallorca\/wp-content\/uploads\/Jos\u00e9-Manuel-Garcia-Sineu-ple-600x400.jpeg\" class=\"attachment-notio-general-x2 size-notio-general-x2 wp-post-image\" alt=\"\" srcset=\"https:\/\/www.psib-psoe.org\/mallorca\/wp-content\/uploads\/Jos\u00e9-Manuel-Garcia-Sineu-ple-600x400.jpeg 600w, https:\/\/www.psib-psoe.org\/mallorca\/wp-content\/uploads\/Jos\u00e9-Manuel-Garcia-Sineu-ple-300x200.jpeg 300w, https:\/\/www.psib-psoe.org\/mallorca\/wp-content\/uploads\/Jos\u00e9-Manuel-Garcia-Sineu-ple-900x600.jpeg 900w, https:\/\/www.psib-psoe.org\/mallorca\/wp-content\/uploads\/Jos\u00e9-Manuel-Garcia-Sineu-ple-20x13.jpeg 20w\" sizes=\"(max-width: 600px) 100vw, 600px\" \/><\/figure>\n\t\t<div class=\"blog-top\">\n\t\t\t<header class=\"post-title entry-header\">\n\t\t\t\t<aside class=\"post-meta cf\">\n\t\t02\/10\/2024 \/ <a href=\"https:\/\/www.psib-psoe.org\/mallorca\/category\/consell-de-mallorca\/\" rel=\"category tag\">Consell de Mallorca<\/a>, <a href=\"https:\/\/www.psib-psoe.org\/mallorca\/category\/federacio-de-mallorca\/\" rel=\"category tag\">Federaci\u00f3 de Mallorca<\/a>, <a href=\"https:\/\/www.psib-psoe.org\/mallorca\/category\/federacio-de-mallorca-portada\/\" rel=\"category tag\">Federaci\u00f3 de Mallorca - Portada<\/a>, <a href=\"https:\/\/www.psib-psoe.org\/mallorca\/category\/municipis\/\" rel=\"category tag\">Municipis<\/a>, <a href=\"https:\/\/www.psib-psoe.org\/mallorca\/category\/portada\/\" rel=\"category tag\">Portada<\/a><\/aside>\n\t\t\t\t<h3 itemprop=\"headline\"><a href=\"https:\/\/www.psib-psoe.org\/mallorca\/el-ple-de-lajuntament-de-sineu-vota-per-unanimitat-la-mocio-dels-socialistes-per-paralitzar-els-projectes-de-macro-granges\/\" title=\"El ple de l\u2019Ajuntament de Sineu vota per unanimitat la moci\u00f3 dels Socialistes per paralitzar els projectes de \u2018macro-granges\u2019.\">El ple de l\u2019Ajuntament de Sineu vota per unanimitat la moci\u00f3 dels Socialistes per paralitzar els projectes de \u2018macro-granges\u2019.<\/a><\/h3>\n\t\t\t<\/header>\n\t\t<\/div>\n\t\t<div class=\"post-content\">\n\t\t\t<a href=\"https:\/\/www.psib-psoe.org\/mallorca\/el-ple-de-lajuntament-de-sineu-vota-per-unanimitat-la-mocio-dels-socialistes-per-paralitzar-els-projectes-de-macro-granges\/\" class=\"more-link\">Read More<\/a>\n\t\t<\/div>\n\t\t\t<aside class=\"post-bottom-meta hide\">\n\t\t<strong rel=\"author\" itemprop=\"author\" class=\"author vcard\"><span class=\"fn\">Albert<\/span><\/strong>\n\t\t<time class=\"date published time\" datetime=\"2024-10-02T10:01:48+02:00\" itemprop=\"datePublished\" content=\"2024-10-02T10:01:48+02:00\">02\/10\/2024<\/time>\n\t\t<meta itemprop=\"dateModified\" class=\"date updated\" content=\"2024-10-14T11:39:42+02:00\">\n\t\t<span class=\"hide\" itemprop=\"publisher\" itemscope itemtype=\"https:\/\/schema.org\/Organization\">\n\t\t\t<meta itemprop=\"name\" content=\"SocialistesdMca\">\n\t\t\t<span itemprop=\"logo\" itemscope itemtype=\"https:\/\/schema.org\/ImageObject\">\n\t\t\t\t<meta itemprop=\"url\" content=\"https:\/\/www.psib-psoe.org\/mallorca\/wp-content\/themes\/notio-wp\/assets\/img\/logo.png\">\n\t\t\t<\/span>\n\t\t\t<meta itemprop=\"url\" content=\"https:\/\/www.psib-psoe.org\/mallorca\/\">\n\t\t<\/span>\n\t\t\t\t<span class=\"hide\" itemprop=\"image\" itemscope itemtype=\"http:\/\/schema.org\/ImageObject\">\n\t\t\t<meta itemprop=\"url\" content=\"https:\/\/www.psib-psoe.org\/mallorca\/wp-content\/uploads\/Jos\u00e9-Manuel-Garcia-Sineu-ple.jpeg\">\n\t\t\t<meta itemprop=\"width\" content=\"1876\">\n\t\t\t<meta itemprop=\"height\" content=\"2048\">\n\t\t<\/span>\n\t\t\t\t<meta itemscope itemprop=\"mainEntityOfPage\" itemtype=\"https:\/\/schema.org\/WebPage\" itemid=\"https:\/\/www.psib-psoe.org\/mallorca\/el-ple-de-lajuntament-de-sineu-vota-per-unanimitat-la-mocio-dels-socialistes-per-paralitzar-els-projectes-de-macro-granges\/\">\n\t<\/aside>\n\t\t<\/article>\n<\/div>\n<div class=\"small-12 large-4 columns\">\n\t<article itemscope itemtype=\"http:\/\/schema.org\/Article\" class=\"post blog-style7 alt post-29013 type-post status-publish format-standard has-post-thumbnail hentry category-consell-de-mallorca category-federacio-de-mallorca category-federacio-de-mallorca-portada category-municipis category-portada tag-catalina-cladera tag-federacio-socialista-de-mallorca tag-jaume-j-oliver tag-jose-hila tag-marc-pons tag-psib-psoe tag-rafel-aulet tag-socialistes-de-maria\" role=\"article\">\n\t\t<figure class=\"post-gallery\"><img loading=\"lazy\" decoding=\"async\" width=\"600\" height=\"400\" src=\"https:\/\/www.psib-psoe.org\/mallorca\/wp-content\/uploads\/Assemblea-macogranges-Maria-1-600x400.jpeg\" class=\"attachment-notio-general-x2 size-notio-general-x2 wp-post-image\" alt=\"\" srcset=\"https:\/\/www.psib-psoe.org\/mallorca\/wp-content\/uploads\/Assemblea-macogranges-Maria-1-600x400.jpeg 600w, https:\/\/www.psib-psoe.org\/mallorca\/wp-content\/uploads\/Assemblea-macogranges-Maria-1-300x200.jpeg 300w, https:\/\/www.psib-psoe.org\/mallorca\/wp-content\/uploads\/Assemblea-macogranges-Maria-1-900x600.jpeg 900w, https:\/\/www.psib-psoe.org\/mallorca\/wp-content\/uploads\/Assemblea-macogranges-Maria-1-20x13.jpeg 20w\" sizes=\"(max-width: 600px) 100vw, 600px\" \/><\/figure>\n\t\t<div class=\"blog-top\">\n\t\t\t<header class=\"post-title entry-header\">\n\t\t\t\t<aside class=\"post-meta cf\">\n\t\t01\/10\/2024 \/ <a href=\"https:\/\/www.psib-psoe.org\/mallorca\/category\/consell-de-mallorca\/\" rel=\"category tag\">Consell de Mallorca<\/a>, <a href=\"https:\/\/www.psib-psoe.org\/mallorca\/category\/federacio-de-mallorca\/\" rel=\"category tag\">Federaci\u00f3 de Mallorca<\/a>, <a href=\"https:\/\/www.psib-psoe.org\/mallorca\/category\/federacio-de-mallorca-portada\/\" rel=\"category tag\">Federaci\u00f3 de Mallorca - Portada<\/a>, <a href=\"https:\/\/www.psib-psoe.org\/mallorca\/category\/municipis\/\" rel=\"category tag\">Municipis<\/a>, <a href=\"https:\/\/www.psib-psoe.org\/mallorca\/category\/portada\/\" rel=\"category tag\">Portada<\/a><\/aside>\n\t\t\t\t<h3 itemprop=\"headline\"><a href=\"https:\/\/www.psib-psoe.org\/mallorca\/els-socialistes-recullen-les-aportacions-dels-habitants-de-sineu-maria-de-la-salut-muro-montuiri-lloret-llubi-sa-pobla-montuiri-i-llucmajor-en-contra-del-projecte-de-macro-granja\/\" title=\"Els Socialistes recullen les aportacions dels habitants de Sineu, Maria de la Salut, Muro, Montu\u00efri, Lloret, Llub\u00ed, Sa Pobla, Montu\u00efri i Llucmajor en contra del projecte de \u2018macro-granja\u2019.\">Els Socialistes recullen les aportacions dels habitants de Sineu, Maria de la Salut, Muro, Montu\u00efri, Lloret, Llub\u00ed, Sa Pobla, Montu\u00efri i Llucmajor en contra del projecte de \u2018macro-granja\u2019.<\/a><\/h3>\n\t\t\t<\/header>\n\t\t<\/div>\n\t\t<div class=\"post-content\">\n\t\t\t<a href=\"https:\/\/www.psib-psoe.org\/mallorca\/els-socialistes-recullen-les-aportacions-dels-habitants-de-sineu-maria-de-la-salut-muro-montuiri-lloret-llubi-sa-pobla-montuiri-i-llucmajor-en-contra-del-projecte-de-macro-granja\/\" class=\"more-link\">Read More<\/a>\n\t\t<\/div>\n\t\t\t<aside class=\"post-bottom-meta hide\">\n\t\t<strong rel=\"author\" itemprop=\"author\" class=\"author vcard\"><span class=\"fn\">Albert<\/span><\/strong>\n\t\t<time class=\"date published time\" datetime=\"2024-10-01T19:59:25+02:00\" itemprop=\"datePublished\" content=\"2024-10-01T19:59:25+02:00\">01\/10\/2024<\/time>\n\t\t<meta itemprop=\"dateModified\" class=\"date updated\" content=\"2024-10-14T11:39:42+02:00\">\n\t\t<span class=\"hide\" itemprop=\"publisher\" itemscope itemtype=\"https:\/\/schema.org\/Organization\">\n\t\t\t<meta itemprop=\"name\" content=\"SocialistesdMca\">\n\t\t\t<span itemprop=\"logo\" itemscope itemtype=\"https:\/\/schema.org\/ImageObject\">\n\t\t\t\t<meta itemprop=\"url\" content=\"https:\/\/www.psib-psoe.org\/mallorca\/wp-content\/themes\/notio-wp\/assets\/img\/logo.png\">\n\t\t\t<\/span>\n\t\t\t<meta itemprop=\"url\" content=\"https:\/\/www.psib-psoe.org\/mallorca\/\">\n\t\t<\/span>\n\t\t\t\t<span class=\"hide\" itemprop=\"image\" itemscope itemtype=\"http:\/\/schema.org\/ImageObject\">\n\t\t\t<meta itemprop=\"url\" content=\"https:\/\/www.psib-psoe.org\/mallorca\/wp-content\/uploads\/Assemblea-macogranges-Maria-1.jpeg\">\n\t\t\t<meta itemprop=\"width\" content=\"4032\">\n\t\t\t<meta itemprop=\"height\" content=\"3024\">\n\t\t<\/span>\n\t\t\t\t<meta itemscope itemprop=\"mainEntityOfPage\" itemtype=\"https:\/\/schema.org\/WebPage\" itemid=\"https:\/\/www.psib-psoe.org\/mallorca\/els-socialistes-recullen-les-aportacions-dels-habitants-de-sineu-maria-de-la-salut-muro-montuiri-lloret-llubi-sa-pobla-montuiri-i-llucmajor-en-contra-del-projecte-de-macro-granja\/\">\n\t<\/aside>\n\t\t<\/article>\n<\/div>\n<div class=\"small-12 large-4 columns\">\n\t<article itemscope itemtype=\"http:\/\/schema.org\/Article\" class=\"post blog-style7 alt post-29007 type-post status-publish format-standard has-post-thumbnail hentry category-consell-de-mallorca category-federacio-de-mallorca category-federacio-de-mallorca-portada category-municipis category-portada tag-catalina-cladera tag-federacio-socialista-de-mallorca tag-psib-psoe\" role=\"article\">\n\t\t<figure class=\"post-gallery\"><img loading=\"lazy\" decoding=\"async\" width=\"600\" height=\"400\" src=\"https:\/\/www.psib-psoe.org\/mallorca\/wp-content\/uploads\/Inici-curs-6-setembre-24-600x400.jpeg\" class=\"attachment-notio-general-x2 size-notio-general-x2 wp-post-image\" alt=\"\" srcset=\"https:\/\/www.psib-psoe.org\/mallorca\/wp-content\/uploads\/Inici-curs-6-setembre-24-600x400.jpeg 600w, https:\/\/www.psib-psoe.org\/mallorca\/wp-content\/uploads\/Inici-curs-6-setembre-24-300x200.jpeg 300w, https:\/\/www.psib-psoe.org\/mallorca\/wp-content\/uploads\/Inici-curs-6-setembre-24-900x600.jpeg 900w, https:\/\/www.psib-psoe.org\/mallorca\/wp-content\/uploads\/Inici-curs-6-setembre-24-20x13.jpeg 20w\" sizes=\"(max-width: 600px) 100vw, 600px\" \/><\/figure>\n\t\t<div class=\"blog-top\">\n\t\t\t<header class=\"post-title entry-header\">\n\t\t\t\t<aside class=\"post-meta cf\">\n\t\t30\/09\/2024 \/ <a href=\"https:\/\/www.psib-psoe.org\/mallorca\/category\/consell-de-mallorca\/\" rel=\"category tag\">Consell de Mallorca<\/a>, <a href=\"https:\/\/www.psib-psoe.org\/mallorca\/category\/federacio-de-mallorca\/\" rel=\"category tag\">Federaci\u00f3 de Mallorca<\/a>, <a href=\"https:\/\/www.psib-psoe.org\/mallorca\/category\/federacio-de-mallorca-portada\/\" rel=\"category tag\">Federaci\u00f3 de Mallorca - Portada<\/a>, <a href=\"https:\/\/www.psib-psoe.org\/mallorca\/category\/municipis\/\" rel=\"category tag\">Municipis<\/a>, <a href=\"https:\/\/www.psib-psoe.org\/mallorca\/category\/portada\/\" rel=\"category tag\">Portada<\/a><\/aside>\n\t\t\t\t<h3 itemprop=\"headline\"><a href=\"https:\/\/www.psib-psoe.org\/mallorca\/el-consell-de-mallorca-te-pendent-de-pagament-part-de-les-subvencions-a-entitats-i-propietaris-de-la-serra-de-tramuntana-des-de-2022\/\" title=\"El Consell de Mallorca te pendent de pagament part de les subvencions a entitats i propietaris de la Serra de Tramuntana des de 2022.\">El Consell de Mallorca te pendent de pagament part de les subvencions a entitats i propietaris de la Serra de Tramuntana des de 2022.<\/a><\/h3>\n\t\t\t<\/header>\n\t\t<\/div>\n\t\t<div class=\"post-content\">\n\t\t\t<a href=\"https:\/\/www.psib-psoe.org\/mallorca\/el-consell-de-mallorca-te-pendent-de-pagament-part-de-les-subvencions-a-entitats-i-propietaris-de-la-serra-de-tramuntana-des-de-2022\/\" class=\"more-link\">Read More<\/a>\n\t\t<\/div>\n\t\t\t<aside class=\"post-bottom-meta hide\">\n\t\t<strong rel=\"author\" itemprop=\"author\" class=\"author vcard\"><span class=\"fn\">Albert<\/span><\/strong>\n\t\t<time class=\"date published time\" datetime=\"2024-09-30T11:08:43+02:00\" itemprop=\"datePublished\" content=\"2024-09-30T11:08:43+02:00\">30\/09\/2024<\/time>\n\t\t<meta itemprop=\"dateModified\" class=\"date updated\" content=\"2024-10-14T11:39:42+02:00\">\n\t\t<span class=\"hide\" itemprop=\"publisher\" itemscope itemtype=\"https:\/\/schema.org\/Organization\">\n\t\t\t<meta itemprop=\"name\" content=\"SocialistesdMca\">\n\t\t\t<span itemprop=\"logo\" itemscope itemtype=\"https:\/\/schema.org\/ImageObject\">\n\t\t\t\t<meta itemprop=\"url\" content=\"https:\/\/www.psib-psoe.org\/mallorca\/wp-content\/themes\/notio-wp\/assets\/img\/logo.png\">\n\t\t\t<\/span>\n\t\t\t<meta itemprop=\"url\" content=\"https:\/\/www.psib-psoe.org\/mallorca\/\">\n\t\t<\/span>\n\t\t\t\t<span class=\"hide\" itemprop=\"image\" itemscope itemtype=\"http:\/\/schema.org\/ImageObject\">\n\t\t\t<meta itemprop=\"url\" content=\"https:\/\/www.psib-psoe.org\/mallorca\/wp-content\/uploads\/Inici-curs-6-setembre-24.jpeg\">\n\t\t\t<meta itemprop=\"width\" content=\"2560\">\n\t\t\t<meta itemprop=\"height\" content=\"1920\">\n\t\t<\/span>\n\t\t\t\t<meta itemscope itemprop=\"mainEntityOfPage\" itemtype=\"https:\/\/schema.org\/WebPage\" itemid=\"https:\/\/www.psib-psoe.org\/mallorca\/el-consell-de-mallorca-te-pendent-de-pagament-part-de-les-subvencions-a-entitats-i-propietaris-de-la-serra-de-tramuntana-des-de-2022\/\">\n\t<\/aside>\n\t\t<\/article>\n<\/div>\n<div class=\"small-12 large-4 columns\">\n\t<article itemscope itemtype=\"http:\/\/schema.org\/Article\" class=\"post blog-style7 alt post-29004 type-post status-publish format-standard has-post-thumbnail hentry category-federacio-de-mallorca category-federacio-de-mallorca-portada category-municipis category-portada tag-agui-lobo tag-barbara-rebassa tag-catalina-cladera tag-federacio-socialista-de-mallorca tag-joan-gaspar-vallori tag-psib-psoe\" role=\"article\">\n\t\t<figure class=\"post-gallery\"><img loading=\"lazy\" decoding=\"async\" width=\"600\" height=\"400\" src=\"https:\/\/www.psib-psoe.org\/mallorca\/wp-content\/uploads\/Regidors-Alc\u00fadia-Picornell-600x400.jpeg\" class=\"attachment-notio-general-x2 size-notio-general-x2 wp-post-image\" alt=\"\" srcset=\"https:\/\/www.psib-psoe.org\/mallorca\/wp-content\/uploads\/Regidors-Alc\u00fadia-Picornell-600x400.jpeg 600w, https:\/\/www.psib-psoe.org\/mallorca\/wp-content\/uploads\/Regidors-Alc\u00fadia-Picornell-300x200.jpeg 300w, https:\/\/www.psib-psoe.org\/mallorca\/wp-content\/uploads\/Regidors-Alc\u00fadia-Picornell-20x13.jpeg 20w\" sizes=\"(max-width: 600px) 100vw, 600px\" \/><\/figure>\n\t\t<div class=\"blog-top\">\n\t\t\t<header class=\"post-title entry-header\">\n\t\t\t\t<aside class=\"post-meta cf\">\n\t\t30\/09\/2024 \/ <a href=\"https:\/\/www.psib-psoe.org\/mallorca\/category\/federacio-de-mallorca\/\" rel=\"category tag\">Federaci\u00f3 de Mallorca<\/a>, <a href=\"https:\/\/www.psib-psoe.org\/mallorca\/category\/federacio-de-mallorca-portada\/\" rel=\"category tag\">Federaci\u00f3 de Mallorca - Portada<\/a>, <a href=\"https:\/\/www.psib-psoe.org\/mallorca\/category\/municipis\/\" rel=\"category tag\">Municipis<\/a>, <a href=\"https:\/\/www.psib-psoe.org\/mallorca\/category\/portada\/\" rel=\"category tag\">Portada<\/a><\/aside>\n\t\t\t\t<h3 itemprop=\"headline\"><a href=\"https:\/\/www.psib-psoe.org\/mallorca\/els-socialistes-dalcudia-denuncien-el-descontrol-i-la-deixadesa-de-les-colonies-felines-del-municipi\/\" title=\"Els Socialistes d\u2019Alc\u00fadia denuncien el descontrol i la deixadesa de les col\u00f2nies felines del municipi.\">Els Socialistes d\u2019Alc\u00fadia denuncien el descontrol i la deixadesa de les col\u00f2nies felines del municipi.<\/a><\/h3>\n\t\t\t<\/header>\n\t\t<\/div>\n\t\t<div class=\"post-content\">\n\t\t\t<a href=\"https:\/\/www.psib-psoe.org\/mallorca\/els-socialistes-dalcudia-denuncien-el-descontrol-i-la-deixadesa-de-les-colonies-felines-del-municipi\/\" class=\"more-link\">Read More<\/a>\n\t\t<\/div>\n\t\t\t<aside class=\"post-bottom-meta hide\">\n\t\t<strong rel=\"author\" itemprop=\"author\" class=\"author vcard\"><span class=\"fn\">Albert<\/span><\/strong>\n\t\t<time class=\"date published time\" datetime=\"2024-09-30T09:52:45+02:00\" itemprop=\"datePublished\" content=\"2024-09-30T09:52:45+02:00\">30\/09\/2024<\/time>\n\t\t<meta itemprop=\"dateModified\" class=\"date updated\" content=\"2024-10-14T11:39:42+02:00\">\n\t\t<span class=\"hide\" itemprop=\"publisher\" itemscope itemtype=\"https:\/\/schema.org\/Organization\">\n\t\t\t<meta itemprop=\"name\" content=\"SocialistesdMca\">\n\t\t\t<span itemprop=\"logo\" itemscope itemtype=\"https:\/\/schema.org\/ImageObject\">\n\t\t\t\t<meta itemprop=\"url\" content=\"https:\/\/www.psib-psoe.org\/mallorca\/wp-content\/themes\/notio-wp\/assets\/img\/logo.png\">\n\t\t\t<\/span>\n\t\t\t<meta itemprop=\"url\" content=\"https:\/\/www.psib-psoe.org\/mallorca\/\">\n\t\t<\/span>\n\t\t\t\t<span class=\"hide\" itemprop=\"image\" itemscope itemtype=\"http:\/\/schema.org\/ImageObject\">\n\t\t\t<meta itemprop=\"url\" content=\"https:\/\/www.psib-psoe.org\/mallorca\/wp-content\/uploads\/Regidors-Alc\u00fadia-Picornell.jpeg\">\n\t\t\t<meta itemprop=\"width\" content=\"828\">\n\t\t\t<meta itemprop=\"height\" content=\"1343\">\n\t\t<\/span>\n\t\t\t\t<meta itemscope itemprop=\"mainEntityOfPage\" itemtype=\"https:\/\/schema.org\/WebPage\" itemid=\"https:\/\/www.psib-psoe.org\/mallorca\/els-socialistes-dalcudia-denuncien-el-descontrol-i-la-deixadesa-de-les-colonies-felines-del-municipi\/\">\n\t<\/aside>\n\t\t<\/article>\n<\/div>\n<div class=\"small-12 large-4 columns\">\n\t<article itemscope itemtype=\"http:\/\/schema.org\/Article\" class=\"post blog-style7 alt post-28999 type-post status-publish format-standard has-post-thumbnail hentry category-federacio-de-mallorca category-federacio-de-mallorca-portada category-municipis category-portada tag-catalina-cladera tag-federacio-socialista-de-mallorca tag-francina tag-javier-de-juan tag-manolo-galan tag-mercedes-garrido tag-psib-psoe tag-rosario-sanchez tag-virgilio-moreno\" role=\"article\">\n\t\t<figure class=\"post-gallery\"><img loading=\"lazy\" decoding=\"async\" width=\"600\" height=\"400\" src=\"https:\/\/www.psib-psoe.org\/mallorca\/wp-content\/uploads\/280924_Assemblea-Regidors-i-regidores-600x400.jpg\" class=\"attachment-notio-general-x2 size-notio-general-x2 wp-post-image\" alt=\"\" srcset=\"https:\/\/www.psib-psoe.org\/mallorca\/wp-content\/uploads\/280924_Assemblea-Regidors-i-regidores-600x400.jpg 600w, https:\/\/www.psib-psoe.org\/mallorca\/wp-content\/uploads\/280924_Assemblea-Regidors-i-regidores-300x200.jpg 300w, https:\/\/www.psib-psoe.org\/mallorca\/wp-content\/uploads\/280924_Assemblea-Regidors-i-regidores-900x600.jpg 900w, https:\/\/www.psib-psoe.org\/mallorca\/wp-content\/uploads\/280924_Assemblea-Regidors-i-regidores-20x13.jpg 20w\" sizes=\"(max-width: 600px) 100vw, 600px\" \/><\/figure>\n\t\t<div class=\"blog-top\">\n\t\t\t<header class=\"post-title entry-header\">\n\t\t\t\t<aside class=\"post-meta cf\">\n\t\t28\/09\/2024 \/ <a href=\"https:\/\/www.psib-psoe.org\/mallorca\/category\/federacio-de-mallorca\/\" rel=\"category tag\">Federaci\u00f3 de Mallorca<\/a>, <a href=\"https:\/\/www.psib-psoe.org\/mallorca\/category\/federacio-de-mallorca-portada\/\" rel=\"category tag\">Federaci\u00f3 de Mallorca - Portada<\/a>, <a href=\"https:\/\/www.psib-psoe.org\/mallorca\/category\/municipis\/\" rel=\"category tag\">Municipis<\/a>, <a href=\"https:\/\/www.psib-psoe.org\/mallorca\/category\/portada\/\" rel=\"category tag\">Portada<\/a><\/aside>\n\t\t\t\t<h3 itemprop=\"headline\"><a href=\"https:\/\/www.psib-psoe.org\/mallorca\/armengol-i-cladera-demanen-alternatives-a-les-politiques-dextrema-dreta-per-planificar-la-mallorca-del-futur-de-la-ma-de-la-ciutadania-i-tornar-a-governar-en-2027\/\" title=\"Armengol i Cladera demanen alternatives a les pol\u00edtiques d\u2019extrema dreta per planificar la Mallorca del futur de la ma de la ciutadania i tornar a governar en 2027.\">Armengol i Cladera demanen alternatives a les pol\u00edtiques d\u2019extrema dreta per planificar la Mallorca del futur de la ma de la ciutadania i tornar a governar en 2027.<\/a><\/h3>\n\t\t\t<\/header>\n\t\t<\/div>\n\t\t<div class=\"post-content\">\n\t\t\t<a href=\"https:\/\/www.psib-psoe.org\/mallorca\/armengol-i-cladera-demanen-alternatives-a-les-politiques-dextrema-dreta-per-planificar-la-mallorca-del-futur-de-la-ma-de-la-ciutadania-i-tornar-a-governar-en-2027\/\" class=\"more-link\">Read More<\/a>\n\t\t<\/div>\n\t\t\t<aside class=\"post-bottom-meta hide\">\n\t\t<strong rel=\"author\" itemprop=\"author\" class=\"author vcard\"><span class=\"fn\">Albert<\/span><\/strong>\n\t\t<time class=\"date published time\" datetime=\"2024-09-28T12:17:42+02:00\" itemprop=\"datePublished\" content=\"2024-09-28T12:17:42+02:00\">28\/09\/2024<\/time>\n\t\t<meta itemprop=\"dateModified\" class=\"date updated\" content=\"2024-10-14T11:39:42+02:00\">\n\t\t<span class=\"hide\" itemprop=\"publisher\" itemscope itemtype=\"https:\/\/schema.org\/Organization\">\n\t\t\t<meta itemprop=\"name\" content=\"SocialistesdMca\">\n\t\t\t<span itemprop=\"logo\" itemscope itemtype=\"https:\/\/schema.org\/ImageObject\">\n\t\t\t\t<meta itemprop=\"url\" content=\"https:\/\/www.psib-psoe.org\/mallorca\/wp-content\/themes\/notio-wp\/assets\/img\/logo.png\">\n\t\t\t<\/span>\n\t\t\t<meta itemprop=\"url\" content=\"https:\/\/www.psib-psoe.org\/mallorca\/\">\n\t\t<\/span>\n\t\t\t\t<span class=\"hide\" itemprop=\"image\" itemscope itemtype=\"http:\/\/schema.org\/ImageObject\">\n\t\t\t<meta itemprop=\"url\" content=\"https:\/\/www.psib-psoe.org\/mallorca\/wp-content\/uploads\/280924_Assemblea-Regidors-i-regidores.jpg\">\n\t\t\t<meta itemprop=\"width\" content=\"6000\">\n\t\t\t<meta itemprop=\"height\" content=\"3119\">\n\t\t<\/span>\n\t\t\t\t<meta itemscope itemprop=\"mainEntityOfPage\" itemtype=\"https:\/\/schema.org\/WebPage\" itemid=\"https:\/\/www.psib-psoe.org\/mallorca\/armengol-i-cladera-demanen-alternatives-a-les-politiques-dextrema-dreta-per-planificar-la-mallorca-del-futur-de-la-ma-de-la-ciutadania-i-tornar-a-governar-en-2027\/\">\n\t<\/aside>\n\t\t<\/article>\n<\/div>\n<div class=\"small-12 large-4 columns\">\n\t<article itemscope itemtype=\"http:\/\/schema.org\/Article\" class=\"post blog-style7 alt post-28996 type-post status-publish format-standard has-post-thumbnail hentry category-consell-de-mallorca category-federacio-de-mallorca category-federacio-de-mallorca-portada category-municipis category-portada tag-catalina-cladera tag-federacio-socialista-de-mallorca tag-javier-de-juan tag-mercedes-garrido tag-psib-psoe\" role=\"article\">\n\t\t<figure class=\"post-gallery\"><img loading=\"lazy\" decoding=\"async\" width=\"600\" height=\"400\" src=\"https:\/\/www.psib-psoe.org\/mallorca\/wp-content\/uploads\/Disseny-sense-ti\u0301tol-5-600x400.jpg\" class=\"attachment-notio-general-x2 size-notio-general-x2 wp-post-image\" alt=\"\" srcset=\"https:\/\/www.psib-psoe.org\/mallorca\/wp-content\/uploads\/Disseny-sense-ti\u0301tol-5-600x400.jpg 600w, https:\/\/www.psib-psoe.org\/mallorca\/wp-content\/uploads\/Disseny-sense-ti\u0301tol-5-300x200.jpg 300w, https:\/\/www.psib-psoe.org\/mallorca\/wp-content\/uploads\/Disseny-sense-ti\u0301tol-5-900x600.jpg 900w, https:\/\/www.psib-psoe.org\/mallorca\/wp-content\/uploads\/Disseny-sense-ti\u0301tol-5-20x13.jpg 20w\" sizes=\"(max-width: 600px) 100vw, 600px\" \/><\/figure>\n\t\t<div class=\"blog-top\">\n\t\t\t<header class=\"post-title entry-header\">\n\t\t\t\t<aside class=\"post-meta cf\">\n\t\t27\/09\/2024 \/ <a href=\"https:\/\/www.psib-psoe.org\/mallorca\/category\/consell-de-mallorca\/\" rel=\"category tag\">Consell de Mallorca<\/a>, <a href=\"https:\/\/www.psib-psoe.org\/mallorca\/category\/federacio-de-mallorca\/\" rel=\"category tag\">Federaci\u00f3 de Mallorca<\/a>, <a href=\"https:\/\/www.psib-psoe.org\/mallorca\/category\/federacio-de-mallorca-portada\/\" rel=\"category tag\">Federaci\u00f3 de Mallorca - Portada<\/a>, <a href=\"https:\/\/www.psib-psoe.org\/mallorca\/category\/municipis\/\" rel=\"category tag\">Municipis<\/a>, <a href=\"https:\/\/www.psib-psoe.org\/mallorca\/category\/portada\/\" rel=\"category tag\">Portada<\/a><\/aside>\n\t\t\t\t<h3 itemprop=\"headline\"><a href=\"https:\/\/www.psib-psoe.org\/mallorca\/el-grup-socialista-al-consell-de-mallorca-exigeix-galmes-que-aclareixi-si-aprova-les-declaracions-publiques-del-batle-de-santa-margalida-en-relacio-al-cas-lagroturisme-illegal-que-gestiona-a\/\" title=\"El Grup Socialista al Consell de Mallorca exigeix Galm\u00e9s que aclareixi si aprova les declaracions p\u00fabliques del batle de Santa Margalida en relaci\u00f3 al cas l\u2019agroturisme il\u00b7legal que gestiona a Muro.\">El Grup Socialista al Consell de Mallorca exigeix Galm\u00e9s que aclareixi si aprova les declaracions p\u00fabliques del batle de Santa Margalida en relaci\u00f3 al cas l\u2019agroturisme il\u00b7legal que gestiona a Muro.<\/a><\/h3>\n\t\t\t<\/header>\n\t\t<\/div>\n\t\t<div class=\"post-content\">\n\t\t\t<a href=\"https:\/\/www.psib-psoe.org\/mallorca\/el-grup-socialista-al-consell-de-mallorca-exigeix-galmes-que-aclareixi-si-aprova-les-declaracions-publiques-del-batle-de-santa-margalida-en-relacio-al-cas-lagroturisme-illegal-que-gestiona-a\/\" class=\"more-link\">Read More<\/a>\n\t\t<\/div>\n\t\t\t<aside class=\"post-bottom-meta hide\">\n\t\t<strong rel=\"author\" itemprop=\"author\" class=\"author vcard\"><span class=\"fn\">Albert<\/span><\/strong>\n\t\t<time class=\"date published time\" datetime=\"2024-09-27T17:59:56+02:00\" itemprop=\"datePublished\" content=\"2024-09-27T17:59:56+02:00\">27\/09\/2024<\/time>\n\t\t<meta itemprop=\"dateModified\" class=\"date updated\" content=\"2024-10-14T11:39:42+02:00\">\n\t\t<span class=\"hide\" itemprop=\"publisher\" itemscope itemtype=\"https:\/\/schema.org\/Organization\">\n\t\t\t<meta itemprop=\"name\" content=\"SocialistesdMca\">\n\t\t\t<span itemprop=\"logo\" itemscope itemtype=\"https:\/\/schema.org\/ImageObject\">\n\t\t\t\t<meta itemprop=\"url\" content=\"https:\/\/www.psib-psoe.org\/mallorca\/wp-content\/themes\/notio-wp\/assets\/img\/logo.png\">\n\t\t\t<\/span>\n\t\t\t<meta itemprop=\"url\" content=\"https:\/\/www.psib-psoe.org\/mallorca\/\">\n\t\t<\/span>\n\t\t\t\t<span class=\"hide\" itemprop=\"image\" itemscope itemtype=\"http:\/\/schema.org\/ImageObject\">\n\t\t\t<meta itemprop=\"url\" content=\"https:\/\/www.psib-psoe.org\/mallorca\/wp-content\/uploads\/Disseny-sense-ti\u0301tol-5.jpg\">\n\t\t\t<meta itemprop=\"width\" content=\"1920\">\n\t\t\t<meta itemprop=\"height\" content=\"1080\">\n\t\t<\/span>\n\t\t\t\t<meta itemscope itemprop=\"mainEntityOfPage\" itemtype=\"https:\/\/schema.org\/WebPage\" itemid=\"https:\/\/www.psib-psoe.org\/mallorca\/el-grup-socialista-al-consell-de-mallorca-exigeix-galmes-que-aclareixi-si-aprova-les-declaracions-publiques-del-batle-de-santa-margalida-en-relacio-al-cas-lagroturisme-illegal-que-gestiona-a\/\">\n\t<\/aside>\n\t\t<\/article>\n<\/div>\n<div class=\"small-12 large-4 columns\">\n\t<article itemscope itemtype=\"http:\/\/schema.org\/Article\" class=\"post blog-style7 alt post-28993 type-post status-publish format-standard has-post-thumbnail hentry category-consell-de-mallorca category-federacio-de-mallorca category-federacio-de-mallorca-portada category-municipis category-portada tag-catalina-cladera tag-federacio-socialista-de-mallorca tag-javier-de-juan tag-mercedes-garrido tag-psib-psoe\" role=\"article\">\n\t\t<figure class=\"post-gallery\"><img loading=\"lazy\" decoding=\"async\" width=\"600\" height=\"400\" src=\"https:\/\/www.psib-psoe.org\/mallorca\/wp-content\/uploads\/310724_Mercedes-Garrido-i-Catalina-Cladera-600x400.jpg\" class=\"attachment-notio-general-x2 size-notio-general-x2 wp-post-image\" alt=\"\" srcset=\"https:\/\/www.psib-psoe.org\/mallorca\/wp-content\/uploads\/310724_Mercedes-Garrido-i-Catalina-Cladera-600x400.jpg 600w, https:\/\/www.psib-psoe.org\/mallorca\/wp-content\/uploads\/310724_Mercedes-Garrido-i-Catalina-Cladera-300x200.jpg 300w, https:\/\/www.psib-psoe.org\/mallorca\/wp-content\/uploads\/310724_Mercedes-Garrido-i-Catalina-Cladera-900x600.jpg 900w, https:\/\/www.psib-psoe.org\/mallorca\/wp-content\/uploads\/310724_Mercedes-Garrido-i-Catalina-Cladera-20x13.jpg 20w\" sizes=\"(max-width: 600px) 100vw, 600px\" \/><\/figure>\n\t\t<div class=\"blog-top\">\n\t\t\t<header class=\"post-title entry-header\">\n\t\t\t\t<aside class=\"post-meta cf\">\n\t\t26\/09\/2024 \/ <a href=\"https:\/\/www.psib-psoe.org\/mallorca\/category\/consell-de-mallorca\/\" rel=\"category tag\">Consell de Mallorca<\/a>, <a href=\"https:\/\/www.psib-psoe.org\/mallorca\/category\/federacio-de-mallorca\/\" rel=\"category tag\">Federaci\u00f3 de Mallorca<\/a>, <a href=\"https:\/\/www.psib-psoe.org\/mallorca\/category\/federacio-de-mallorca-portada\/\" rel=\"category tag\">Federaci\u00f3 de Mallorca - Portada<\/a>, <a href=\"https:\/\/www.psib-psoe.org\/mallorca\/category\/municipis\/\" rel=\"category tag\">Municipis<\/a>, <a href=\"https:\/\/www.psib-psoe.org\/mallorca\/category\/portada\/\" rel=\"category tag\">Portada<\/a><\/aside>\n\t\t\t\t<h3 itemprop=\"headline\"><a href=\"https:\/\/www.psib-psoe.org\/mallorca\/ppvox-es-nega-a-fer-una-planificacio-territorial-racional-pels-parcs-fotovoltaics-a-mallorca\/\" title=\"PPVox es nega a fer una planificaci\u00f3 territorial racional pels parcs fotovoltaics a Mallorca.\">PPVox es nega a fer una planificaci\u00f3 territorial racional pels parcs fotovoltaics a Mallorca.<\/a><\/h3>\n\t\t\t<\/header>\n\t\t<\/div>\n\t\t<div class=\"post-content\">\n\t\t\t<a href=\"https:\/\/www.psib-psoe.org\/mallorca\/ppvox-es-nega-a-fer-una-planificacio-territorial-racional-pels-parcs-fotovoltaics-a-mallorca\/\" class=\"more-link\">Read More<\/a>\n\t\t<\/div>\n\t\t\t<aside class=\"post-bottom-meta hide\">\n\t\t<strong rel=\"author\" itemprop=\"author\" class=\"author vcard\"><span class=\"fn\">Albert<\/span><\/strong>\n\t\t<time class=\"date published time\" datetime=\"2024-09-26T17:25:57+02:00\" itemprop=\"datePublished\" content=\"2024-09-26T17:25:57+02:00\">26\/09\/2024<\/time>\n\t\t<meta itemprop=\"dateModified\" class=\"date updated\" content=\"2024-10-14T11:39:42+02:00\">\n\t\t<span class=\"hide\" itemprop=\"publisher\" itemscope itemtype=\"https:\/\/schema.org\/Organization\">\n\t\t\t<meta itemprop=\"name\" content=\"SocialistesdMca\">\n\t\t\t<span itemprop=\"logo\" itemscope itemtype=\"https:\/\/schema.org\/ImageObject\">\n\t\t\t\t<meta itemprop=\"url\" content=\"https:\/\/www.psib-psoe.org\/mallorca\/wp-content\/themes\/notio-wp\/assets\/img\/logo.png\">\n\t\t\t<\/span>\n\t\t\t<meta itemprop=\"url\" content=\"https:\/\/www.psib-psoe.org\/mallorca\/\">\n\t\t<\/span>\n\t\t\t\t<span class=\"hide\" itemprop=\"image\" itemscope itemtype=\"http:\/\/schema.org\/ImageObject\">\n\t\t\t<meta itemprop=\"url\" content=\"https:\/\/www.psib-psoe.org\/mallorca\/wp-content\/uploads\/310724_Mercedes-Garrido-i-Catalina-Cladera.jpg\">\n\t\t\t<meta itemprop=\"width\" content=\"4094\">\n\t\t\t<meta itemprop=\"height\" content=\"3067\">\n\t\t<\/span>\n\t\t\t\t<meta itemscope itemprop=\"mainEntityOfPage\" itemtype=\"https:\/\/schema.org\/WebPage\" itemid=\"https:\/\/www.psib-psoe.org\/mallorca\/ppvox-es-nega-a-fer-una-planificacio-territorial-racional-pels-parcs-fotovoltaics-a-mallorca\/\">\n\t<\/aside>\n\t\t<\/article>\n<\/div>\n<div class=\"small-12 large-4 columns\">\n\t<article itemscope itemtype=\"http:\/\/schema.org\/Article\" class=\"post blog-style7 alt post-28990 type-post status-publish format-standard has-post-thumbnail hentry category-consell-de-mallorca category-federacio-de-mallorca category-federacio-de-mallorca-portada category-municipis category-portada tag-catalina-cladera tag-federacio-socialista-de-mallorca tag-psib-psoe tag-rafel-aulet tag-socialistes-de-maria\" role=\"article\">\n\t\t<figure class=\"post-gallery\"><img loading=\"lazy\" decoding=\"async\" width=\"600\" height=\"400\" src=\"https:\/\/www.psib-psoe.org\/mallorca\/wp-content\/uploads\/WhatsApp-Image-2024-09-26-at-09.44.31-1-600x400.jpeg\" class=\"attachment-notio-general-x2 size-notio-general-x2 wp-post-image\" alt=\"\" srcset=\"https:\/\/www.psib-psoe.org\/mallorca\/wp-content\/uploads\/WhatsApp-Image-2024-09-26-at-09.44.31-1-600x400.jpeg 600w, https:\/\/www.psib-psoe.org\/mallorca\/wp-content\/uploads\/WhatsApp-Image-2024-09-26-at-09.44.31-1-300x200.jpeg 300w, https:\/\/www.psib-psoe.org\/mallorca\/wp-content\/uploads\/WhatsApp-Image-2024-09-26-at-09.44.31-1-900x600.jpeg 900w, https:\/\/www.psib-psoe.org\/mallorca\/wp-content\/uploads\/WhatsApp-Image-2024-09-26-at-09.44.31-1-20x13.jpeg 20w\" sizes=\"(max-width: 600px) 100vw, 600px\" \/><\/figure>\n\t\t<div class=\"blog-top\">\n\t\t\t<header class=\"post-title entry-header\">\n\t\t\t\t<aside class=\"post-meta cf\">\n\t\t26\/09\/2024 \/ <a href=\"https:\/\/www.psib-psoe.org\/mallorca\/category\/consell-de-mallorca\/\" rel=\"category tag\">Consell de Mallorca<\/a>, <a href=\"https:\/\/www.psib-psoe.org\/mallorca\/category\/federacio-de-mallorca\/\" rel=\"category tag\">Federaci\u00f3 de Mallorca<\/a>, <a href=\"https:\/\/www.psib-psoe.org\/mallorca\/category\/federacio-de-mallorca-portada\/\" rel=\"category tag\">Federaci\u00f3 de Mallorca - Portada<\/a>, <a href=\"https:\/\/www.psib-psoe.org\/mallorca\/category\/municipis\/\" rel=\"category tag\">Municipis<\/a>, <a href=\"https:\/\/www.psib-psoe.org\/mallorca\/category\/portada\/\" rel=\"category tag\">Portada<\/a><\/aside>\n\t\t\t\t<h3 itemprop=\"headline\"><a href=\"https:\/\/www.psib-psoe.org\/mallorca\/els-socialistes-de-llucmajor-aconsegueixen-aprovar-per-unanimitat-una-mocio-en-contra-de-les-macro-granges-i-per-la-revisio-de-lactivitat-de-lexplotacio-avicola-en\/\" title=\"Els Socialistes de Llucmajor aconsegueixen aprovar per unanimitat una moci\u00f3 en contra de les \u201cmacro-granges\u201d i per la revisi\u00f3 de l\u2019activitat de l\u2019explotaci\u00f3 av\u00edcola en actiu al municipi.\">Els Socialistes de Llucmajor aconsegueixen aprovar per unanimitat una moci\u00f3 en contra de les \u201cmacro-granges\u201d i per la revisi\u00f3 de l\u2019activitat de l\u2019explotaci\u00f3 av\u00edcola en actiu al municipi.<\/a><\/h3>\n\t\t\t<\/header>\n\t\t<\/div>\n\t\t<div class=\"post-content\">\n\t\t\t<a href=\"https:\/\/www.psib-psoe.org\/mallorca\/els-socialistes-de-llucmajor-aconsegueixen-aprovar-per-unanimitat-una-mocio-en-contra-de-les-macro-granges-i-per-la-revisio-de-lactivitat-de-lexplotacio-avicola-en\/\" class=\"more-link\">Read More<\/a>\n\t\t<\/div>\n\t\t\t<aside class=\"post-bottom-meta hide\">\n\t\t<strong rel=\"author\" itemprop=\"author\" class=\"author vcard\"><span class=\"fn\">Albert<\/span><\/strong>\n\t\t<time class=\"date published time\" datetime=\"2024-09-26T10:30:26+02:00\" itemprop=\"datePublished\" content=\"2024-09-26T10:30:26+02:00\">26\/09\/2024<\/time>\n\t\t<meta itemprop=\"dateModified\" class=\"date updated\" content=\"2024-10-14T11:39:43+02:00\">\n\t\t<span class=\"hide\" itemprop=\"publisher\" itemscope itemtype=\"https:\/\/schema.org\/Organization\">\n\t\t\t<meta itemprop=\"name\" content=\"SocialistesdMca\">\n\t\t\t<span itemprop=\"logo\" itemscope itemtype=\"https:\/\/schema.org\/ImageObject\">\n\t\t\t\t<meta itemprop=\"url\" content=\"https:\/\/www.psib-psoe.org\/mallorca\/wp-content\/themes\/notio-wp\/assets\/img\/logo.png\">\n\t\t\t<\/span>\n\t\t\t<meta itemprop=\"url\" content=\"https:\/\/www.psib-psoe.org\/mallorca\/\">\n\t\t<\/span>\n\t\t\t\t<span class=\"hide\" itemprop=\"image\" itemscope itemtype=\"http:\/\/schema.org\/ImageObject\">\n\t\t\t<meta itemprop=\"url\" content=\"https:\/\/www.psib-psoe.org\/mallorca\/wp-content\/uploads\/WhatsApp-Image-2024-09-26-at-09.44.31-1.jpeg\">\n\t\t\t<meta itemprop=\"width\" content=\"1290\">\n\t\t\t<meta itemprop=\"height\" content=\"1336\">\n\t\t<\/span>\n\t\t\t\t<meta itemscope itemprop=\"mainEntityOfPage\" itemtype=\"https:\/\/schema.org\/WebPage\" itemid=\"https:\/\/www.psib-psoe.org\/mallorca\/els-socialistes-de-llucmajor-aconsegueixen-aprovar-per-unanimitat-una-mocio-en-contra-de-les-macro-granges-i-per-la-revisio-de-lactivitat-de-lexplotacio-avicola-en\/\">\n\t<\/aside>\n\t\t<\/article>\n<\/div>\n<div class=\"small-12 large-4 columns\">\n\t<article itemscope itemtype=\"http:\/\/schema.org\/Article\" class=\"post blog-style7 alt post-28980 type-post status-publish format-standard has-post-thumbnail hentry category-consell-de-mallorca category-federacio-de-mallorca category-federacio-de-mallorca-portada category-municipis category-portada tag-catalina-cladera tag-federacio-socialista-de-mallorca tag-psib-psoe tag-rafel-aulet tag-socialistes-de-maria\" role=\"article\">\n\t\t<figure class=\"post-gallery\"><img loading=\"lazy\" decoding=\"async\" width=\"600\" height=\"400\" src=\"https:\/\/www.psib-psoe.org\/mallorca\/wp-content\/uploads\/240423-Rafel-Aulet-600x400.jpeg\" class=\"attachment-notio-general-x2 size-notio-general-x2 wp-post-image\" alt=\"\" srcset=\"https:\/\/www.psib-psoe.org\/mallorca\/wp-content\/uploads\/240423-Rafel-Aulet-600x400.jpeg 600w, https:\/\/www.psib-psoe.org\/mallorca\/wp-content\/uploads\/240423-Rafel-Aulet-300x200.jpeg 300w, https:\/\/www.psib-psoe.org\/mallorca\/wp-content\/uploads\/240423-Rafel-Aulet-900x600.jpeg 900w, https:\/\/www.psib-psoe.org\/mallorca\/wp-content\/uploads\/240423-Rafel-Aulet-20x13.jpeg 20w\" sizes=\"(max-width: 600px) 100vw, 600px\" \/><\/figure>\n\t\t<div class=\"blog-top\">\n\t\t\t<header class=\"post-title entry-header\">\n\t\t\t\t<aside class=\"post-meta cf\">\n\t\t24\/09\/2024 \/ <a href=\"https:\/\/www.psib-psoe.org\/mallorca\/category\/consell-de-mallorca\/\" rel=\"category tag\">Consell de Mallorca<\/a>, <a href=\"https:\/\/www.psib-psoe.org\/mallorca\/category\/federacio-de-mallorca\/\" rel=\"category tag\">Federaci\u00f3 de Mallorca<\/a>, <a href=\"https:\/\/www.psib-psoe.org\/mallorca\/category\/federacio-de-mallorca-portada\/\" rel=\"category tag\">Federaci\u00f3 de Mallorca - Portada<\/a>, <a href=\"https:\/\/www.psib-psoe.org\/mallorca\/category\/municipis\/\" rel=\"category tag\">Municipis<\/a>, <a href=\"https:\/\/www.psib-psoe.org\/mallorca\/category\/portada\/\" rel=\"category tag\">Portada<\/a><\/aside>\n\t\t\t\t<h3 itemprop=\"headline\"><a href=\"https:\/\/www.psib-psoe.org\/mallorca\/els-socialistes-de-maria-de-la-salut-soposen-a-que-lajuntament-compri-una-parcella-rustica-a-preu-de-sol-urba-per-fer-hi-laparcament-del-poliesportiu-municipal\/\" title=\"Els Socialistes de Maria de la Salut s\u2019oposen a qu\u00e8 l\u2019Ajuntament compri una parcel\u00b7la r\u00fastica a preu de sol urb\u00e0 per fer-hi l\u2019aparcament del poliesportiu municipal.\">Els Socialistes de Maria de la Salut s\u2019oposen a qu\u00e8 l\u2019Ajuntament compri una parcel\u00b7la r\u00fastica a preu de sol urb\u00e0 per fer-hi l\u2019aparcament del poliesportiu municipal.<\/a><\/h3>\n\t\t\t<\/header>\n\t\t<\/div>\n\t\t<div class=\"post-content\">\n\t\t\t<a href=\"https:\/\/www.psib-psoe.org\/mallorca\/els-socialistes-de-maria-de-la-salut-soposen-a-que-lajuntament-compri-una-parcella-rustica-a-preu-de-sol-urba-per-fer-hi-laparcament-del-poliesportiu-municipal\/\" class=\"more-link\">Read More<\/a>\n\t\t<\/div>\n\t\t\t<aside class=\"post-bottom-meta hide\">\n\t\t<strong rel=\"author\" itemprop=\"author\" class=\"author vcard\"><span class=\"fn\">Albert<\/span><\/strong>\n\t\t<time class=\"date published time\" datetime=\"2024-09-24T11:49:57+02:00\" itemprop=\"datePublished\" content=\"2024-09-24T11:49:57+02:00\">24\/09\/2024<\/time>\n\t\t<meta itemprop=\"dateModified\" class=\"date updated\" content=\"2024-10-14T11:39:43+02:00\">\n\t\t<span class=\"hide\" itemprop=\"publisher\" itemscope itemtype=\"https:\/\/schema.org\/Organization\">\n\t\t\t<meta itemprop=\"name\" content=\"SocialistesdMca\">\n\t\t\t<span itemprop=\"logo\" itemscope itemtype=\"https:\/\/schema.org\/ImageObject\">\n\t\t\t\t<meta itemprop=\"url\" content=\"https:\/\/www.psib-psoe.org\/mallorca\/wp-content\/themes\/notio-wp\/assets\/img\/logo.png\">\n\t\t\t<\/span>\n\t\t\t<meta itemprop=\"url\" content=\"https:\/\/www.psib-psoe.org\/mallorca\/\">\n\t\t<\/span>\n\t\t\t\t<span class=\"hide\" itemprop=\"image\" itemscope itemtype=\"http:\/\/schema.org\/ImageObject\">\n\t\t\t<meta itemprop=\"url\" content=\"https:\/\/www.psib-psoe.org\/mallorca\/wp-content\/uploads\/240423-Rafel-Aulet.jpeg\">\n\t\t\t<meta itemprop=\"width\" content=\"2048\">\n\t\t\t<meta itemprop=\"height\" content=\"1536\">\n\t\t<\/span>\n\t\t\t\t<meta itemscope itemprop=\"mainEntityOfPage\" itemtype=\"https:\/\/schema.org\/WebPage\" itemid=\"https:\/\/www.psib-psoe.org\/mallorca\/els-socialistes-de-maria-de-la-salut-soposen-a-que-lajuntament-compri-una-parcella-rustica-a-preu-de-sol-urba-per-fer-hi-laparcament-del-poliesportiu-municipal\/\">\n\t<\/aside>\n\t\t<\/article>\n<\/div>\n<div class=\"small-12 large-4 columns\">\n\t<article itemscope itemtype=\"http:\/\/schema.org\/Article\" class=\"post blog-style7 alt post-28975 type-post status-publish format-standard has-post-thumbnail hentry category-consell-de-mallorca category-federacio-de-mallorca category-federacio-de-mallorca-portada category-municipis category-portada tag-antonia-sastre tag-catalina-cladera tag-federacio-socialista-de-mallorca tag-javier-de-juan tag-miquel-cabot tag-patricia-gomez tag-psib-psoe\" role=\"article\">\n\t\t<figure class=\"post-gallery\"><img loading=\"lazy\" decoding=\"async\" width=\"600\" height=\"400\" src=\"https:\/\/www.psib-psoe.org\/mallorca\/wp-content\/uploads\/Executiva-FSM-230924-600x400.jpeg\" class=\"attachment-notio-general-x2 size-notio-general-x2 wp-post-image\" alt=\"\" srcset=\"https:\/\/www.psib-psoe.org\/mallorca\/wp-content\/uploads\/Executiva-FSM-230924-600x400.jpeg 600w, https:\/\/www.psib-psoe.org\/mallorca\/wp-content\/uploads\/Executiva-FSM-230924-300x200.jpeg 300w, https:\/\/www.psib-psoe.org\/mallorca\/wp-content\/uploads\/Executiva-FSM-230924-900x600.jpeg 900w, https:\/\/www.psib-psoe.org\/mallorca\/wp-content\/uploads\/Executiva-FSM-230924-20x13.jpeg 20w\" sizes=\"(max-width: 600px) 100vw, 600px\" \/><\/figure>\n\t\t<div class=\"blog-top\">\n\t\t\t<header class=\"post-title entry-header\">\n\t\t\t\t<aside class=\"post-meta cf\">\n\t\t23\/09\/2024 \/ <a href=\"https:\/\/www.psib-psoe.org\/mallorca\/category\/consell-de-mallorca\/\" rel=\"category tag\">Consell de Mallorca<\/a>, <a href=\"https:\/\/www.psib-psoe.org\/mallorca\/category\/federacio-de-mallorca\/\" rel=\"category tag\">Federaci\u00f3 de Mallorca<\/a>, <a href=\"https:\/\/www.psib-psoe.org\/mallorca\/category\/federacio-de-mallorca-portada\/\" rel=\"category tag\">Federaci\u00f3 de Mallorca - Portada<\/a>, <a href=\"https:\/\/www.psib-psoe.org\/mallorca\/category\/municipis\/\" rel=\"category tag\">Municipis<\/a>, <a href=\"https:\/\/www.psib-psoe.org\/mallorca\/category\/portada\/\" rel=\"category tag\">Portada<\/a><\/aside>\n\t\t\t\t<h3 itemprop=\"headline\"><a href=\"https:\/\/www.psib-psoe.org\/mallorca\/catalina-cladera-iniciem-curs-rearmant-el-nostre-projecte-ideologic-i-aturant-lextrema-dreta-que-ens-governa-a-mallorca\/\" title=\"Catalina Cladera: \u201cIniciem curs rearmant el nostre projecte ideol\u00f2gic i aturant l\u2019extrema dreta que ens governa a Mallorca\u201d\">Catalina Cladera: \u201cIniciem curs rearmant el nostre projecte ideol\u00f2gic i aturant l\u2019extrema dreta que ens governa a Mallorca\u201d<\/a><\/h3>\n\t\t\t<\/header>\n\t\t<\/div>\n\t\t<div class=\"post-content\">\n\t\t\t<a href=\"https:\/\/www.psib-psoe.org\/mallorca\/catalina-cladera-iniciem-curs-rearmant-el-nostre-projecte-ideologic-i-aturant-lextrema-dreta-que-ens-governa-a-mallorca\/\" class=\"more-link\">Read More<\/a>\n\t\t<\/div>\n\t\t\t<aside class=\"post-bottom-meta hide\">\n\t\t<strong rel=\"author\" itemprop=\"author\" class=\"author vcard\"><span class=\"fn\">Albert<\/span><\/strong>\n\t\t<time class=\"date published time\" datetime=\"2024-09-23T18:50:29+02:00\" itemprop=\"datePublished\" content=\"2024-09-23T18:50:29+02:00\">23\/09\/2024<\/time>\n\t\t<meta itemprop=\"dateModified\" class=\"date updated\" content=\"2024-10-14T11:39:43+02:00\">\n\t\t<span class=\"hide\" itemprop=\"publisher\" itemscope itemtype=\"https:\/\/schema.org\/Organization\">\n\t\t\t<meta itemprop=\"name\" content=\"SocialistesdMca\">\n\t\t\t<span itemprop=\"logo\" itemscope itemtype=\"https:\/\/schema.org\/ImageObject\">\n\t\t\t\t<meta itemprop=\"url\" content=\"https:\/\/www.psib-psoe.org\/mallorca\/wp-content\/themes\/notio-wp\/assets\/img\/logo.png\">\n\t\t\t<\/span>\n\t\t\t<meta itemprop=\"url\" content=\"https:\/\/www.psib-psoe.org\/mallorca\/\">\n\t\t<\/span>\n\t\t\t\t<span class=\"hide\" itemprop=\"image\" itemscope itemtype=\"http:\/\/schema.org\/ImageObject\">\n\t\t\t<meta itemprop=\"url\" content=\"https:\/\/www.psib-psoe.org\/mallorca\/wp-content\/uploads\/Executiva-FSM-230924.jpeg\">\n\t\t\t<meta itemprop=\"width\" content=\"2560\">\n\t\t\t<meta itemprop=\"height\" content=\"1920\">\n\t\t<\/span>\n\t\t\t\t<meta itemscope itemprop=\"mainEntityOfPage\" itemtype=\"https:\/\/schema.org\/WebPage\" itemid=\"https:\/\/www.psib-psoe.org\/mallorca\/catalina-cladera-iniciem-curs-rearmant-el-nostre-projecte-ideologic-i-aturant-lextrema-dreta-que-ens-governa-a-mallorca\/\">\n\t<\/aside>\n\t\t<\/article>\n<\/div>\n<div class=\"small-12 large-4 columns\">\n\t<article itemscope itemtype=\"http:\/\/schema.org\/Article\" class=\"post blog-style7 alt post-28973 type-post status-publish format-standard has-post-thumbnail hentry category-federacio-de-mallorca category-federacio-de-mallorca-portada category-municipis category-portada tag-catalina-cladera tag-consell-de-mallorca tag-federacio-socialista-de-mallorca tag-psib-psoe tag-sofia-alonso\" role=\"article\">\n\t\t<figure class=\"post-gallery\"><img loading=\"lazy\" decoding=\"async\" width=\"600\" height=\"400\" src=\"https:\/\/www.psib-psoe.org\/mallorca\/wp-content\/uploads\/Sofia-Alonso-600x400.jpg\" class=\"attachment-notio-general-x2 size-notio-general-x2 wp-post-image\" alt=\"\" srcset=\"https:\/\/www.psib-psoe.org\/mallorca\/wp-content\/uploads\/Sofia-Alonso-600x400.jpg 600w, https:\/\/www.psib-psoe.org\/mallorca\/wp-content\/uploads\/Sofia-Alonso-300x200.jpg 300w, https:\/\/www.psib-psoe.org\/mallorca\/wp-content\/uploads\/Sofia-Alonso-900x600.jpg 900w, https:\/\/www.psib-psoe.org\/mallorca\/wp-content\/uploads\/Sofia-Alonso-20x13.jpg 20w\" sizes=\"(max-width: 600px) 100vw, 600px\" \/><\/figure>\n\t\t<div class=\"blog-top\">\n\t\t\t<header class=\"post-title entry-header\">\n\t\t\t\t<aside class=\"post-meta cf\">\n\t\t23\/09\/2024 \/ <a href=\"https:\/\/www.psib-psoe.org\/mallorca\/category\/federacio-de-mallorca\/\" rel=\"category tag\">Federaci\u00f3 de Mallorca<\/a>, <a href=\"https:\/\/www.psib-psoe.org\/mallorca\/category\/federacio-de-mallorca-portada\/\" rel=\"category tag\">Federaci\u00f3 de Mallorca - Portada<\/a>, <a href=\"https:\/\/www.psib-psoe.org\/mallorca\/category\/municipis\/\" rel=\"category tag\">Municipis<\/a>, <a href=\"https:\/\/www.psib-psoe.org\/mallorca\/category\/portada\/\" rel=\"category tag\">Portada<\/a><\/aside>\n\t\t\t\t<h3 itemprop=\"headline\"><a href=\"https:\/\/www.psib-psoe.org\/mallorca\/el-grup-socialista-demana-a-limas-que-aclareixi-les-circumstancies-de-la-mort-dun-usuari-de-86-anys-a-una-residencia-privada-de-gent-gran-a-palma\/\" title=\"El Grup Socialista demana a l\u2019IMAS que aclareixi les circumst\u00e0ncies de la mort d\u2019un usuari de 86 anys a una resid\u00e8ncia privada de gent gran a Palma.\">El Grup Socialista demana a l\u2019IMAS que aclareixi les circumst\u00e0ncies de la mort d\u2019un usuari de 86 anys a una resid\u00e8ncia privada de gent gran a Palma.<\/a><\/h3>\n\t\t\t<\/header>\n\t\t<\/div>\n\t\t<div class=\"post-content\">\n\t\t\t<a href=\"https:\/\/www.psib-psoe.org\/mallorca\/el-grup-socialista-demana-a-limas-que-aclareixi-les-circumstancies-de-la-mort-dun-usuari-de-86-anys-a-una-residencia-privada-de-gent-gran-a-palma\/\" class=\"more-link\">Read More<\/a>\n\t\t<\/div>\n\t\t\t<aside class=\"post-bottom-meta hide\">\n\t\t<strong rel=\"author\" itemprop=\"author\" class=\"author vcard\"><span class=\"fn\">Albert<\/span><\/strong>\n\t\t<time class=\"date published time\" datetime=\"2024-09-23T15:29:18+02:00\" itemprop=\"datePublished\" content=\"2024-09-23T15:29:18+02:00\">23\/09\/2024<\/time>\n\t\t<meta itemprop=\"dateModified\" class=\"date updated\" content=\"2024-10-14T11:39:43+02:00\">\n\t\t<span class=\"hide\" itemprop=\"publisher\" itemscope itemtype=\"https:\/\/schema.org\/Organization\">\n\t\t\t<meta itemprop=\"name\" content=\"SocialistesdMca\">\n\t\t\t<span itemprop=\"logo\" itemscope itemtype=\"https:\/\/schema.org\/ImageObject\">\n\t\t\t\t<meta itemprop=\"url\" content=\"https:\/\/www.psib-psoe.org\/mallorca\/wp-content\/themes\/notio-wp\/assets\/img\/logo.png\">\n\t\t\t<\/span>\n\t\t\t<meta itemprop=\"url\" content=\"https:\/\/www.psib-psoe.org\/mallorca\/\">\n\t\t<\/span>\n\t\t\t\t<span class=\"hide\" itemprop=\"image\" itemscope itemtype=\"http:\/\/schema.org\/ImageObject\">\n\t\t\t<meta itemprop=\"url\" content=\"https:\/\/www.psib-psoe.org\/mallorca\/wp-content\/uploads\/Sofia-Alonso.jpg\">\n\t\t\t<meta itemprop=\"width\" content=\"2048\">\n\t\t\t<meta itemprop=\"height\" content=\"1810\">\n\t\t<\/span>\n\t\t\t\t<meta itemscope itemprop=\"mainEntityOfPage\" itemtype=\"https:\/\/schema.org\/WebPage\" itemid=\"https:\/\/www.psib-psoe.org\/mallorca\/el-grup-socialista-demana-a-limas-que-aclareixi-les-circumstancies-de-la-mort-dun-usuari-de-86-anys-a-una-residencia-privada-de-gent-gran-a-palma\/\">\n\t<\/aside>\n\t\t<\/article>\n<\/div>\n<div class=\"small-12 large-4 columns\">\n\t<article itemscope itemtype=\"http:\/\/schema.org\/Article\" class=\"post blog-style7 alt post-28970 type-post status-publish format-standard has-post-thumbnail hentry category-federacio-de-mallorca category-federacio-de-mallorca-portada category-municipis category-portada tag-agrupacio-socialista-dalcudia tag-barbara-rebassa tag-catalina-cladera tag-consell-de-mallorca tag-federacio-socialista-de-mallorca tag-joan-gaspar-vallori tag-psib-psoe\" role=\"article\">\n\t\t<figure class=\"post-gallery\"><img loading=\"lazy\" decoding=\"async\" width=\"600\" height=\"400\" src=\"https:\/\/www.psib-psoe.org\/mallorca\/wp-content\/uploads\/Alc\u00fadia-grup-municipal-2024-1-600x400.jpeg\" class=\"attachment-notio-general-x2 size-notio-general-x2 wp-post-image\" alt=\"\" srcset=\"https:\/\/www.psib-psoe.org\/mallorca\/wp-content\/uploads\/Alc\u00fadia-grup-municipal-2024-1-600x400.jpeg 600w, https:\/\/www.psib-psoe.org\/mallorca\/wp-content\/uploads\/Alc\u00fadia-grup-municipal-2024-1-300x200.jpeg 300w, https:\/\/www.psib-psoe.org\/mallorca\/wp-content\/uploads\/Alc\u00fadia-grup-municipal-2024-1-900x600.jpeg 900w, https:\/\/www.psib-psoe.org\/mallorca\/wp-content\/uploads\/Alc\u00fadia-grup-municipal-2024-1-20x13.jpeg 20w\" sizes=\"(max-width: 600px) 100vw, 600px\" \/><\/figure>\n\t\t<div class=\"blog-top\">\n\t\t\t<header class=\"post-title entry-header\">\n\t\t\t\t<aside class=\"post-meta cf\">\n\t\t23\/09\/2024 \/ <a href=\"https:\/\/www.psib-psoe.org\/mallorca\/category\/federacio-de-mallorca\/\" rel=\"category tag\">Federaci\u00f3 de Mallorca<\/a>, <a href=\"https:\/\/www.psib-psoe.org\/mallorca\/category\/federacio-de-mallorca-portada\/\" rel=\"category tag\">Federaci\u00f3 de Mallorca - Portada<\/a>, <a href=\"https:\/\/www.psib-psoe.org\/mallorca\/category\/municipis\/\" rel=\"category tag\">Municipis<\/a>, <a href=\"https:\/\/www.psib-psoe.org\/mallorca\/category\/portada\/\" rel=\"category tag\">Portada<\/a><\/aside>\n\t\t\t\t<h3 itemprop=\"headline\"><a href=\"https:\/\/www.psib-psoe.org\/mallorca\/els-centres-de-salut-dalcudia-tenen-llista-despera-dun-mes-per-atendre-els-pacients-per-que-la-conselleria-no-substitueix-els-metges-que-causen-baixa-laboral\/\" title=\"Els centres de salut d\u2019Alc\u00fadia tenen llista d\u2019espera d\u2019un mes per atendre els pacients, per que la Conselleria no substitueix els metges que causen baixa laboral.\">Els centres de salut d\u2019Alc\u00fadia tenen llista d\u2019espera d\u2019un mes per atendre els pacients, per que la Conselleria no substitueix els metges que causen baixa laboral.<\/a><\/h3>\n\t\t\t<\/header>\n\t\t<\/div>\n\t\t<div class=\"post-content\">\n\t\t\t<a href=\"https:\/\/www.psib-psoe.org\/mallorca\/els-centres-de-salut-dalcudia-tenen-llista-despera-dun-mes-per-atendre-els-pacients-per-que-la-conselleria-no-substitueix-els-metges-que-causen-baixa-laboral\/\" class=\"more-link\">Read More<\/a>\n\t\t<\/div>\n\t\t\t<aside class=\"post-bottom-meta hide\">\n\t\t<strong rel=\"author\" itemprop=\"author\" class=\"author vcard\"><span class=\"fn\">Albert<\/span><\/strong>\n\t\t<time class=\"date published time\" datetime=\"2024-09-23T10:44:49+02:00\" itemprop=\"datePublished\" content=\"2024-09-23T10:44:49+02:00\">23\/09\/2024<\/time>\n\t\t<meta itemprop=\"dateModified\" class=\"date updated\" content=\"2024-10-14T11:39:43+02:00\">\n\t\t<span class=\"hide\" itemprop=\"publisher\" itemscope itemtype=\"https:\/\/schema.org\/Organization\">\n\t\t\t<meta itemprop=\"name\" content=\"SocialistesdMca\">\n\t\t\t<span itemprop=\"logo\" itemscope itemtype=\"https:\/\/schema.org\/ImageObject\">\n\t\t\t\t<meta itemprop=\"url\" content=\"https:\/\/www.psib-psoe.org\/mallorca\/wp-content\/themes\/notio-wp\/assets\/img\/logo.png\">\n\t\t\t<\/span>\n\t\t\t<meta itemprop=\"url\" content=\"https:\/\/www.psib-psoe.org\/mallorca\/\">\n\t\t<\/span>\n\t\t\t\t<span class=\"hide\" itemprop=\"image\" itemscope itemtype=\"http:\/\/schema.org\/ImageObject\">\n\t\t\t<meta itemprop=\"url\" content=\"https:\/\/www.psib-psoe.org\/mallorca\/wp-content\/uploads\/Alc\u00fadia-grup-municipal-2024-1.jpeg\">\n\t\t\t<meta itemprop=\"width\" content=\"2048\">\n\t\t\t<meta itemprop=\"height\" content=\"1536\">\n\t\t<\/span>\n\t\t\t\t<meta itemscope itemprop=\"mainEntityOfPage\" itemtype=\"https:\/\/schema.org\/WebPage\" itemid=\"https:\/\/www.psib-psoe.org\/mallorca\/els-centres-de-salut-dalcudia-tenen-llista-despera-dun-mes-per-atendre-els-pacients-per-que-la-conselleria-no-substitueix-els-metges-que-causen-baixa-laboral\/\">\n\t<\/aside>\n\t\t<\/article>\n<\/div>\n<div class=\"small-12 large-4 columns\">\n\t<article itemscope itemtype=\"http:\/\/schema.org\/Article\" class=\"post blog-style7 alt post-28966 type-post status-publish format-standard has-post-thumbnail hentry category-consell-de-mallorca category-federacio-de-mallorca category-federacio-de-mallorca-portada category-municipis category-portada tag-agrupacio-socialista-de-sineu tag-catalina-cladera tag-consell-de-mallorca tag-juana-m-adrover tag-psib-psoe tag-socialistes-de-maria\" role=\"article\">\n\t\t<figure class=\"post-gallery\"><img loading=\"lazy\" decoding=\"async\" width=\"600\" height=\"400\" src=\"https:\/\/www.psib-psoe.org\/mallorca\/wp-content\/uploads\/WhatsApp-Image-2024-09-19-at-16.01.52-600x400.jpeg\" class=\"attachment-notio-general-x2 size-notio-general-x2 wp-post-image\" alt=\"\" srcset=\"https:\/\/www.psib-psoe.org\/mallorca\/wp-content\/uploads\/WhatsApp-Image-2024-09-19-at-16.01.52-600x400.jpeg 600w, https:\/\/www.psib-psoe.org\/mallorca\/wp-content\/uploads\/WhatsApp-Image-2024-09-19-at-16.01.52-300x200.jpeg 300w, https:\/\/www.psib-psoe.org\/mallorca\/wp-content\/uploads\/WhatsApp-Image-2024-09-19-at-16.01.52-900x600.jpeg 900w, https:\/\/www.psib-psoe.org\/mallorca\/wp-content\/uploads\/WhatsApp-Image-2024-09-19-at-16.01.52-20x13.jpeg 20w\" sizes=\"(max-width: 600px) 100vw, 600px\" \/><\/figure>\n\t\t<div class=\"blog-top\">\n\t\t\t<header class=\"post-title entry-header\">\n\t\t\t\t<aside class=\"post-meta cf\">\n\t\t20\/09\/2024 \/ <a href=\"https:\/\/www.psib-psoe.org\/mallorca\/category\/consell-de-mallorca\/\" rel=\"category tag\">Consell de Mallorca<\/a>, <a href=\"https:\/\/www.psib-psoe.org\/mallorca\/category\/federacio-de-mallorca\/\" rel=\"category tag\">Federaci\u00f3 de Mallorca<\/a>, <a href=\"https:\/\/www.psib-psoe.org\/mallorca\/category\/federacio-de-mallorca-portada\/\" rel=\"category tag\">Federaci\u00f3 de Mallorca - Portada<\/a>, <a href=\"https:\/\/www.psib-psoe.org\/mallorca\/category\/municipis\/\" rel=\"category tag\">Municipis<\/a>, <a href=\"https:\/\/www.psib-psoe.org\/mallorca\/category\/portada\/\" rel=\"category tag\">Portada<\/a><\/aside>\n\t\t\t\t<h3 itemprop=\"headline\"><a href=\"https:\/\/www.psib-psoe.org\/mallorca\/el-grup-socialista-al-consell-de-mallorca-demana-la-dimissio-del-conseller-de-turisme-jose-marcial-rodriguez-per-un-presumpte-tracte-de-favor-en-el-cas-de-lagroturisme-vinculat-a-joan-monjo\/\" title=\"El Grup Socialista al Consell de Mallorca demana la dimissi\u00f3 del conseller de Turisme, Jos\u00e9 Marcial Rodr\u00edguez, per un presumpte tracte de favor en el cas de l\u2019agroturisme vinculat a Joan Monjo.\">El Grup Socialista al Consell de Mallorca demana la dimissi\u00f3 del conseller de Turisme, Jos\u00e9 Marcial Rodr\u00edguez, per un presumpte tracte de favor en el cas de l\u2019agroturisme vinculat a Joan Monjo.<\/a><\/h3>\n\t\t\t<\/header>\n\t\t<\/div>\n\t\t<div class=\"post-content\">\n\t\t\t<a href=\"https:\/\/www.psib-psoe.org\/mallorca\/el-grup-socialista-al-consell-de-mallorca-demana-la-dimissio-del-conseller-de-turisme-jose-marcial-rodriguez-per-un-presumpte-tracte-de-favor-en-el-cas-de-lagroturisme-vinculat-a-joan-monjo\/\" class=\"more-link\">Read More<\/a>\n\t\t<\/div>\n\t\t\t<aside class=\"post-bottom-meta hide\">\n\t\t<strong rel=\"author\" itemprop=\"author\" class=\"author vcard\"><span class=\"fn\">Albert<\/span><\/strong>\n\t\t<time class=\"date published time\" datetime=\"2024-09-20T12:35:50+02:00\" itemprop=\"datePublished\" content=\"2024-09-20T12:35:50+02:00\">20\/09\/2024<\/time>\n\t\t<meta itemprop=\"dateModified\" class=\"date updated\" content=\"2024-10-14T11:39:43+02:00\">\n\t\t<span class=\"hide\" itemprop=\"publisher\" itemscope itemtype=\"https:\/\/schema.org\/Organization\">\n\t\t\t<meta itemprop=\"name\" content=\"SocialistesdMca\">\n\t\t\t<span itemprop=\"logo\" itemscope itemtype=\"https:\/\/schema.org\/ImageObject\">\n\t\t\t\t<meta itemprop=\"url\" content=\"https:\/\/www.psib-psoe.org\/mallorca\/wp-content\/themes\/notio-wp\/assets\/img\/logo.png\">\n\t\t\t<\/span>\n\t\t\t<meta itemprop=\"url\" content=\"https:\/\/www.psib-psoe.org\/mallorca\/\">\n\t\t<\/span>\n\t\t\t\t<span class=\"hide\" itemprop=\"image\" itemscope itemtype=\"http:\/\/schema.org\/ImageObject\">\n\t\t\t<meta itemprop=\"url\" content=\"https:\/\/www.psib-psoe.org\/mallorca\/wp-content\/uploads\/WhatsApp-Image-2024-09-19-at-16.01.52.jpeg\">\n\t\t\t<meta itemprop=\"width\" content=\"4032\">\n\t\t\t<meta itemprop=\"height\" content=\"3024\">\n\t\t<\/span>\n\t\t\t\t<meta itemscope itemprop=\"mainEntityOfPage\" itemtype=\"https:\/\/schema.org\/WebPage\" itemid=\"https:\/\/www.psib-psoe.org\/mallorca\/el-grup-socialista-al-consell-de-mallorca-demana-la-dimissio-del-conseller-de-turisme-jose-marcial-rodriguez-per-un-presumpte-tracte-de-favor-en-el-cas-de-lagroturisme-vinculat-a-joan-monjo\/\">\n\t<\/aside>\n\t\t<\/article>\n<\/div>\n<div class=\"small-12 large-4 columns\">\n\t<article itemscope itemtype=\"http:\/\/schema.org\/Article\" class=\"post blog-style7 alt post-28963 type-post status-publish format-standard has-post-thumbnail hentry category-consell-de-mallorca category-federacio-de-mallorca category-federacio-de-mallorca-portada category-municipis category-portada tag-agrupacio-socialista-de-sineu tag-catalina-cladera tag-consell-de-mallorca tag-juana-m-adrover tag-psib-psoe tag-socialistes-de-maria\" role=\"article\">\n\t\t<figure class=\"post-gallery\"><img loading=\"lazy\" decoding=\"async\" width=\"600\" height=\"400\" src=\"https:\/\/www.psib-psoe.org\/mallorca\/wp-content\/uploads\/WhatsApp-Image-2024-09-19-at-16.01.52-600x400.jpeg\" class=\"attachment-notio-general-x2 size-notio-general-x2 wp-post-image\" alt=\"\" srcset=\"https:\/\/www.psib-psoe.org\/mallorca\/wp-content\/uploads\/WhatsApp-Image-2024-09-19-at-16.01.52-600x400.jpeg 600w, https:\/\/www.psib-psoe.org\/mallorca\/wp-content\/uploads\/WhatsApp-Image-2024-09-19-at-16.01.52-300x200.jpeg 300w, https:\/\/www.psib-psoe.org\/mallorca\/wp-content\/uploads\/WhatsApp-Image-2024-09-19-at-16.01.52-900x600.jpeg 900w, https:\/\/www.psib-psoe.org\/mallorca\/wp-content\/uploads\/WhatsApp-Image-2024-09-19-at-16.01.52-20x13.jpeg 20w\" sizes=\"(max-width: 600px) 100vw, 600px\" \/><\/figure>\n\t\t<div class=\"blog-top\">\n\t\t\t<header class=\"post-title entry-header\">\n\t\t\t\t<aside class=\"post-meta cf\">\n\t\t19\/09\/2024 \/ <a href=\"https:\/\/www.psib-psoe.org\/mallorca\/category\/consell-de-mallorca\/\" rel=\"category tag\">Consell de Mallorca<\/a>, <a href=\"https:\/\/www.psib-psoe.org\/mallorca\/category\/federacio-de-mallorca\/\" rel=\"category tag\">Federaci\u00f3 de Mallorca<\/a>, <a href=\"https:\/\/www.psib-psoe.org\/mallorca\/category\/federacio-de-mallorca-portada\/\" rel=\"category tag\">Federaci\u00f3 de Mallorca - Portada<\/a>, <a href=\"https:\/\/www.psib-psoe.org\/mallorca\/category\/municipis\/\" rel=\"category tag\">Municipis<\/a>, <a href=\"https:\/\/www.psib-psoe.org\/mallorca\/category\/portada\/\" rel=\"category tag\">Portada<\/a><\/aside>\n\t\t\t\t<h3 itemprop=\"headline\"><a href=\"https:\/\/www.psib-psoe.org\/mallorca\/el-consell-de-mallorca-es-posiciona-en-contra-de-les-macro-granges-i-insta-al-govern-de-prohens-a-modificar-la-legislacio-per-impedir-la-seva-implantacio\/\" title=\"El Consell de Mallorca es posiciona en contra de les \u201cmacro-granges\u201d i insta al Govern de Prohens a modificar la legislaci\u00f3 per impedir la seva implantaci\u00f3.\">El Consell de Mallorca es posiciona en contra de les \u201cmacro-granges\u201d i insta al Govern de Prohens a modificar la legislaci\u00f3 per impedir la seva implantaci\u00f3.<\/a><\/h3>\n\t\t\t<\/header>\n\t\t<\/div>\n\t\t<div class=\"post-content\">\n\t\t\t<a href=\"https:\/\/www.psib-psoe.org\/mallorca\/el-consell-de-mallorca-es-posiciona-en-contra-de-les-macro-granges-i-insta-al-govern-de-prohens-a-modificar-la-legislacio-per-impedir-la-seva-implantacio\/\" class=\"more-link\">Read More<\/a>\n\t\t<\/div>\n\t\t\t<aside class=\"post-bottom-meta hide\">\n\t\t<strong rel=\"author\" itemprop=\"author\" class=\"author vcard\"><span class=\"fn\">Albert<\/span><\/strong>\n\t\t<time class=\"date published time\" datetime=\"2024-09-19T16:33:15+02:00\" itemprop=\"datePublished\" content=\"2024-09-19T16:33:15+02:00\">19\/09\/2024<\/time>\n\t\t<meta itemprop=\"dateModified\" class=\"date updated\" content=\"2024-10-14T11:39:43+02:00\">\n\t\t<span class=\"hide\" itemprop=\"publisher\" itemscope itemtype=\"https:\/\/schema.org\/Organization\">\n\t\t\t<meta itemprop=\"name\" content=\"SocialistesdMca\">\n\t\t\t<span itemprop=\"logo\" itemscope itemtype=\"https:\/\/schema.org\/ImageObject\">\n\t\t\t\t<meta itemprop=\"url\" content=\"https:\/\/www.psib-psoe.org\/mallorca\/wp-content\/themes\/notio-wp\/assets\/img\/logo.png\">\n\t\t\t<\/span>\n\t\t\t<meta itemprop=\"url\" content=\"https:\/\/www.psib-psoe.org\/mallorca\/\">\n\t\t<\/span>\n\t\t\t\t<span class=\"hide\" itemprop=\"image\" itemscope itemtype=\"http:\/\/schema.org\/ImageObject\">\n\t\t\t<meta itemprop=\"url\" content=\"https:\/\/www.psib-psoe.org\/mallorca\/wp-content\/uploads\/WhatsApp-Image-2024-09-19-at-16.01.52.jpeg\">\n\t\t\t<meta itemprop=\"width\" content=\"4032\">\n\t\t\t<meta itemprop=\"height\" content=\"3024\">\n\t\t<\/span>\n\t\t\t\t<meta itemscope itemprop=\"mainEntityOfPage\" itemtype=\"https:\/\/schema.org\/WebPage\" itemid=\"https:\/\/www.psib-psoe.org\/mallorca\/el-consell-de-mallorca-es-posiciona-en-contra-de-les-macro-granges-i-insta-al-govern-de-prohens-a-modificar-la-legislacio-per-impedir-la-seva-implantacio\/\">\n\t<\/aside>\n\t\t<\/article>\n<\/div>\n<div class=\"small-12 large-4 columns\">\n\t<article itemscope itemtype=\"http:\/\/schema.org\/Article\" class=\"post blog-style7 alt post-28957 type-post status-publish format-standard has-post-thumbnail hentry category-consell-de-mallorca category-federacio-de-mallorca category-federacio-de-mallorca-portada category-municipis category-portada tag-catalina-cladera tag-consell-de-mallorca tag-francesc-ducros tag-omar-lamin tag-psib-psoe tag-psoe-palma tag-silvana-gonzalez\" role=\"article\">\n\t\t<figure class=\"post-gallery\"><img loading=\"lazy\" decoding=\"async\" width=\"600\" height=\"400\" src=\"https:\/\/www.psib-psoe.org\/mallorca\/wp-content\/uploads\/Son-Martorell-resid\u00e8ncies-600x400.jpeg\" class=\"attachment-notio-general-x2 size-notio-general-x2 wp-post-image\" alt=\"\" srcset=\"https:\/\/www.psib-psoe.org\/mallorca\/wp-content\/uploads\/Son-Martorell-resid\u00e8ncies-600x400.jpeg 600w, https:\/\/www.psib-psoe.org\/mallorca\/wp-content\/uploads\/Son-Martorell-resid\u00e8ncies-300x200.jpeg 300w, https:\/\/www.psib-psoe.org\/mallorca\/wp-content\/uploads\/Son-Martorell-resid\u00e8ncies-900x600.jpeg 900w, https:\/\/www.psib-psoe.org\/mallorca\/wp-content\/uploads\/Son-Martorell-resid\u00e8ncies-20x13.jpeg 20w\" sizes=\"(max-width: 600px) 100vw, 600px\" \/><\/figure>\n\t\t<div class=\"blog-top\">\n\t\t\t<header class=\"post-title entry-header\">\n\t\t\t\t<aside class=\"post-meta cf\">\n\t\t18\/09\/2024 \/ <a href=\"https:\/\/www.psib-psoe.org\/mallorca\/category\/consell-de-mallorca\/\" rel=\"category tag\">Consell de Mallorca<\/a>, <a href=\"https:\/\/www.psib-psoe.org\/mallorca\/category\/federacio-de-mallorca\/\" rel=\"category tag\">Federaci\u00f3 de Mallorca<\/a>, <a href=\"https:\/\/www.psib-psoe.org\/mallorca\/category\/federacio-de-mallorca-portada\/\" rel=\"category tag\">Federaci\u00f3 de Mallorca - Portada<\/a>, <a href=\"https:\/\/www.psib-psoe.org\/mallorca\/category\/municipis\/\" rel=\"category tag\">Municipis<\/a>, <a href=\"https:\/\/www.psib-psoe.org\/mallorca\/category\/portada\/\" rel=\"category tag\">Portada<\/a><\/aside>\n\t\t\t\t<h3 itemprop=\"headline\"><a href=\"https:\/\/www.psib-psoe.org\/mallorca\/ppvox-abandona-les-residencies-per-a-la-gent-gran-de-mallorca\/\" title=\"PPVox abandona les resid\u00e8ncies per a la gent gran de Mallorca.\">PPVox abandona les resid\u00e8ncies per a la gent gran de Mallorca.<\/a><\/h3>\n\t\t\t<\/header>\n\t\t<\/div>\n\t\t<div class=\"post-content\">\n\t\t\t<a href=\"https:\/\/www.psib-psoe.org\/mallorca\/ppvox-abandona-les-residencies-per-a-la-gent-gran-de-mallorca\/\" class=\"more-link\">Read More<\/a>\n\t\t<\/div>\n\t\t\t<aside class=\"post-bottom-meta hide\">\n\t\t<strong rel=\"author\" itemprop=\"author\" class=\"author vcard\"><span class=\"fn\">Albert<\/span><\/strong>\n\t\t<time class=\"date published time\" datetime=\"2024-09-18T11:33:13+02:00\" itemprop=\"datePublished\" content=\"2024-09-18T11:33:13+02:00\">18\/09\/2024<\/time>\n\t\t<meta itemprop=\"dateModified\" class=\"date updated\" content=\"2024-10-14T11:39:43+02:00\">\n\t\t<span class=\"hide\" itemprop=\"publisher\" itemscope itemtype=\"https:\/\/schema.org\/Organization\">\n\t\t\t<meta itemprop=\"name\" content=\"SocialistesdMca\">\n\t\t\t<span itemprop=\"logo\" itemscope itemtype=\"https:\/\/schema.org\/ImageObject\">\n\t\t\t\t<meta itemprop=\"url\" content=\"https:\/\/www.psib-psoe.org\/mallorca\/wp-content\/themes\/notio-wp\/assets\/img\/logo.png\">\n\t\t\t<\/span>\n\t\t\t<meta itemprop=\"url\" content=\"https:\/\/www.psib-psoe.org\/mallorca\/\">\n\t\t<\/span>\n\t\t\t\t<span class=\"hide\" itemprop=\"image\" itemscope itemtype=\"http:\/\/schema.org\/ImageObject\">\n\t\t\t<meta itemprop=\"url\" content=\"https:\/\/www.psib-psoe.org\/mallorca\/wp-content\/uploads\/Son-Martorell-resid\u00e8ncies.jpeg\">\n\t\t\t<meta itemprop=\"width\" content=\"2560\">\n\t\t\t<meta itemprop=\"height\" content=\"1920\">\n\t\t<\/span>\n\t\t\t\t<meta itemscope itemprop=\"mainEntityOfPage\" itemtype=\"https:\/\/schema.org\/WebPage\" itemid=\"https:\/\/www.psib-psoe.org\/mallorca\/ppvox-abandona-les-residencies-per-a-la-gent-gran-de-mallorca\/\">\n\t<\/aside>\n\t\t<\/article>\n<\/div>\n<div class=\"small-12 large-4 columns\">\n\t<article itemscope itemtype=\"http:\/\/schema.org\/Article\" class=\"post blog-style7 alt post-28955 type-post status-publish format-standard has-post-thumbnail hentry category-consell-de-mallorca category-federacio-de-mallorca category-federacio-de-mallorca-portada category-municipis category-portada tag-catalina-cladera tag-consell-de-mallorca tag-javier-de-juan tag-psib-psoe\" role=\"article\">\n\t\t<figure class=\"post-gallery\"><img loading=\"lazy\" decoding=\"async\" width=\"600\" height=\"400\" src=\"https:\/\/www.psib-psoe.org\/mallorca\/wp-content\/uploads\/Javier-600x400.jpeg\" class=\"attachment-notio-general-x2 size-notio-general-x2 wp-post-image\" alt=\"\" srcset=\"https:\/\/www.psib-psoe.org\/mallorca\/wp-content\/uploads\/Javier-600x400.jpeg 600w, https:\/\/www.psib-psoe.org\/mallorca\/wp-content\/uploads\/Javier-300x200.jpeg 300w, https:\/\/www.psib-psoe.org\/mallorca\/wp-content\/uploads\/Javier-20x13.jpeg 20w\" sizes=\"(max-width: 600px) 100vw, 600px\" \/><\/figure>\n\t\t<div class=\"blog-top\">\n\t\t\t<header class=\"post-title entry-header\">\n\t\t\t\t<aside class=\"post-meta cf\">\n\t\t17\/09\/2024 \/ <a href=\"https:\/\/www.psib-psoe.org\/mallorca\/category\/consell-de-mallorca\/\" rel=\"category tag\">Consell de Mallorca<\/a>, <a href=\"https:\/\/www.psib-psoe.org\/mallorca\/category\/federacio-de-mallorca\/\" rel=\"category tag\">Federaci\u00f3 de Mallorca<\/a>, <a href=\"https:\/\/www.psib-psoe.org\/mallorca\/category\/federacio-de-mallorca-portada\/\" rel=\"category tag\">Federaci\u00f3 de Mallorca - Portada<\/a>, <a href=\"https:\/\/www.psib-psoe.org\/mallorca\/category\/municipis\/\" rel=\"category tag\">Municipis<\/a>, <a href=\"https:\/\/www.psib-psoe.org\/mallorca\/category\/portada\/\" rel=\"category tag\">Portada<\/a><\/aside>\n\t\t\t\t<h3 itemprop=\"headline\"><a href=\"https:\/\/www.psib-psoe.org\/mallorca\/el-grup-socialista-eleva-al-ple-que-la-retribucio-per-dedicacio-parcial-al-consell-es-fixi-en-el-50-del-salari-per-evitar-tractes-de-favor-com-en-el-cas-dels-portaveus-de-ppvox\/\" title=\"El Grup Socialista eleva al ple que la retribuci\u00f3 per dedicaci\u00f3 parcial al Consell es fixi en el 50% del salari, per evitar tractes de favor com en el cas dels portaveus de PPVox.\">El Grup Socialista eleva al ple que la retribuci\u00f3 per dedicaci\u00f3 parcial al Consell es fixi en el 50% del salari, per evitar tractes de favor com en el cas dels portaveus de PPVox.<\/a><\/h3>\n\t\t\t<\/header>\n\t\t<\/div>\n\t\t<div class=\"post-content\">\n\t\t\t<a href=\"https:\/\/www.psib-psoe.org\/mallorca\/el-grup-socialista-eleva-al-ple-que-la-retribucio-per-dedicacio-parcial-al-consell-es-fixi-en-el-50-del-salari-per-evitar-tractes-de-favor-com-en-el-cas-dels-portaveus-de-ppvox\/\" class=\"more-link\">Read More<\/a>\n\t\t<\/div>\n\t\t\t<aside class=\"post-bottom-meta hide\">\n\t\t<strong rel=\"author\" itemprop=\"author\" class=\"author vcard\"><span class=\"fn\">Albert<\/span><\/strong>\n\t\t<time class=\"date published time\" datetime=\"2024-09-17T13:25:58+02:00\" itemprop=\"datePublished\" content=\"2024-09-17T13:25:58+02:00\">17\/09\/2024<\/time>\n\t\t<meta itemprop=\"dateModified\" class=\"date updated\" content=\"2024-10-14T11:39:43+02:00\">\n\t\t<span class=\"hide\" itemprop=\"publisher\" itemscope itemtype=\"https:\/\/schema.org\/Organization\">\n\t\t\t<meta itemprop=\"name\" content=\"SocialistesdMca\">\n\t\t\t<span itemprop=\"logo\" itemscope itemtype=\"https:\/\/schema.org\/ImageObject\">\n\t\t\t\t<meta itemprop=\"url\" content=\"https:\/\/www.psib-psoe.org\/mallorca\/wp-content\/themes\/notio-wp\/assets\/img\/logo.png\">\n\t\t\t<\/span>\n\t\t\t<meta itemprop=\"url\" content=\"https:\/\/www.psib-psoe.org\/mallorca\/\">\n\t\t<\/span>\n\t\t\t\t<span class=\"hide\" itemprop=\"image\" itemscope itemtype=\"http:\/\/schema.org\/ImageObject\">\n\t\t\t<meta itemprop=\"url\" content=\"https:\/\/www.psib-psoe.org\/mallorca\/wp-content\/uploads\/Javier.jpeg\">\n\t\t\t<meta itemprop=\"width\" content=\"828\">\n\t\t\t<meta itemprop=\"height\" content=\"1196\">\n\t\t<\/span>\n\t\t\t\t<meta itemscope itemprop=\"mainEntityOfPage\" itemtype=\"https:\/\/schema.org\/WebPage\" itemid=\"https:\/\/www.psib-psoe.org\/mallorca\/el-grup-socialista-eleva-al-ple-que-la-retribucio-per-dedicacio-parcial-al-consell-es-fixi-en-el-50-del-salari-per-evitar-tractes-de-favor-com-en-el-cas-dels-portaveus-de-ppvox\/\">\n\t<\/aside>\n\t\t<\/article>\n<\/div>\n<div class=\"small-12 large-4 columns\">\n\t<article itemscope itemtype=\"http:\/\/schema.org\/Article\" class=\"post blog-style7 alt post-28951 type-post status-publish format-standard has-post-thumbnail hentry category-consell-de-mallorca category-federacio-de-mallorca category-federacio-de-mallorca-portada category-municipis category-portada tag-andreu-serra tag-bea-gamundi tag-biel-alomar tag-catalina-cladera tag-javier-de-juan tag-joan-ferrer tag-juana-m-adrover tag-maria-antonia-truyols tag-psib-psoe tag-sofia-alonso\" role=\"article\">\n\t\t<figure class=\"post-gallery\"><img loading=\"lazy\" decoding=\"async\" width=\"600\" height=\"400\" src=\"https:\/\/www.psib-psoe.org\/mallorca\/wp-content\/uploads\/Consellers-Diada-24-600x400.jpeg\" class=\"attachment-notio-general-x2 size-notio-general-x2 wp-post-image\" alt=\"\" srcset=\"https:\/\/www.psib-psoe.org\/mallorca\/wp-content\/uploads\/Consellers-Diada-24-600x400.jpeg 600w, https:\/\/www.psib-psoe.org\/mallorca\/wp-content\/uploads\/Consellers-Diada-24-300x200.jpeg 300w, https:\/\/www.psib-psoe.org\/mallorca\/wp-content\/uploads\/Consellers-Diada-24-20x13.jpeg 20w, https:\/\/www.psib-psoe.org\/mallorca\/wp-content\/uploads\/Consellers-Diada-24-900x600.jpeg 900w\" sizes=\"(max-width: 600px) 100vw, 600px\" \/><\/figure>\n\t\t<div class=\"blog-top\">\n\t\t\t<header class=\"post-title entry-header\">\n\t\t\t\t<aside class=\"post-meta cf\">\n\t\t16\/09\/2024 \/ <a href=\"https:\/\/www.psib-psoe.org\/mallorca\/category\/consell-de-mallorca\/\" rel=\"category tag\">Consell de Mallorca<\/a>, <a href=\"https:\/\/www.psib-psoe.org\/mallorca\/category\/federacio-de-mallorca\/\" rel=\"category tag\">Federaci\u00f3 de Mallorca<\/a>, <a href=\"https:\/\/www.psib-psoe.org\/mallorca\/category\/federacio-de-mallorca-portada\/\" rel=\"category tag\">Federaci\u00f3 de Mallorca - Portada<\/a>, <a href=\"https:\/\/www.psib-psoe.org\/mallorca\/category\/municipis\/\" rel=\"category tag\">Municipis<\/a>, <a href=\"https:\/\/www.psib-psoe.org\/mallorca\/category\/portada\/\" rel=\"category tag\">Portada<\/a><\/aside>\n\t\t\t\t<h3 itemprop=\"headline\"><a href=\"https:\/\/www.psib-psoe.org\/mallorca\/els-socialistes-lamenten-lescassa-alcada-institucional-de-la-presidenta-del-govern-de-les-illes-balears-per-usar-una-visita-a-una-obra-a-consell-projectada-i-licitada-durant-la-passada-legis\/\" title=\"Els Socialistes lamenten l\u2019escassa al\u00e7ada institucional de la presidenta del Govern de les Illes Balears per usar una visita a una obra a Consell, projectada i licitada durant la passada legislatura, per acusar falsament a l\u2019anterior administraci\u00f3 de manca d\u2019inversions a la localitat.\">Els Socialistes lamenten l\u2019escassa al\u00e7ada institucional de la presidenta del Govern de les Illes Balears per usar una visita a una obra a Consell, projectada i licitada durant la passada legislatura, per acusar falsament a l\u2019anterior administraci\u00f3 de manca d\u2019inversions a la localitat.<\/a><\/h3>\n\t\t\t<\/header>\n\t\t<\/div>\n\t\t<div class=\"post-content\">\n\t\t\t<a href=\"https:\/\/www.psib-psoe.org\/mallorca\/els-socialistes-lamenten-lescassa-alcada-institucional-de-la-presidenta-del-govern-de-les-illes-balears-per-usar-una-visita-a-una-obra-a-consell-projectada-i-licitada-durant-la-passada-legis\/\" class=\"more-link\">Read More<\/a>\n\t\t<\/div>\n\t\t\t<aside class=\"post-bottom-meta hide\">\n\t\t<strong rel=\"author\" itemprop=\"author\" class=\"author vcard\"><span class=\"fn\">Albert<\/span><\/strong>\n\t\t<time class=\"date published time\" datetime=\"2024-09-16T15:40:48+02:00\" itemprop=\"datePublished\" content=\"2024-09-16T15:40:48+02:00\">16\/09\/2024<\/time>\n\t\t<meta itemprop=\"dateModified\" class=\"date updated\" content=\"2024-10-14T11:39:43+02:00\">\n\t\t<span class=\"hide\" itemprop=\"publisher\" itemscope itemtype=\"https:\/\/schema.org\/Organization\">\n\t\t\t<meta itemprop=\"name\" content=\"SocialistesdMca\">\n\t\t\t<span itemprop=\"logo\" itemscope itemtype=\"https:\/\/schema.org\/ImageObject\">\n\t\t\t\t<meta itemprop=\"url\" content=\"https:\/\/www.psib-psoe.org\/mallorca\/wp-content\/themes\/notio-wp\/assets\/img\/logo.png\">\n\t\t\t<\/span>\n\t\t\t<meta itemprop=\"url\" content=\"https:\/\/www.psib-psoe.org\/mallorca\/\">\n\t\t<\/span>\n\t\t\t\t<span class=\"hide\" itemprop=\"image\" itemscope itemtype=\"http:\/\/schema.org\/ImageObject\">\n\t\t\t<meta itemprop=\"url\" content=\"https:\/\/www.psib-psoe.org\/mallorca\/wp-content\/uploads\/Consellers-Diada-24.jpeg\">\n\t\t\t<meta itemprop=\"width\" content=\"2049\">\n\t\t\t<meta itemprop=\"height\" content=\"1418\">\n\t\t<\/span>\n\t\t\t\t<meta itemscope itemprop=\"mainEntityOfPage\" itemtype=\"https:\/\/schema.org\/WebPage\" itemid=\"https:\/\/www.psib-psoe.org\/mallorca\/els-socialistes-lamenten-lescassa-alcada-institucional-de-la-presidenta-del-govern-de-les-illes-balears-per-usar-una-visita-a-una-obra-a-consell-projectada-i-licitada-durant-la-passada-legis\/\">\n\t<\/aside>\n\t\t<\/article>\n<\/div>\n<div class=\"small-12 large-4 columns\">\n\t<article itemscope itemtype=\"http:\/\/schema.org\/Article\" class=\"post blog-style7 alt post-28944 type-post status-publish format-standard has-post-thumbnail hentry category-consell-de-mallorca category-federacio-de-mallorca category-federacio-de-mallorca-portada category-portada tag-catalina-cladera tag-javier-de-juan tag-joan-ferrer tag-juana-m-adrover tag-mercedes-garrido tag-psib-psoe\" role=\"article\">\n\t\t<figure class=\"post-gallery\"><img loading=\"lazy\" decoding=\"async\" width=\"600\" height=\"400\" src=\"https:\/\/www.psib-psoe.org\/mallorca\/wp-content\/uploads\/Denuncia-Dll-contenci\u00f3s-100924-600x400.jpeg\" class=\"attachment-notio-general-x2 size-notio-general-x2 wp-post-image\" alt=\"\" srcset=\"https:\/\/www.psib-psoe.org\/mallorca\/wp-content\/uploads\/Denuncia-Dll-contenci\u00f3s-100924-600x400.jpeg 600w, https:\/\/www.psib-psoe.org\/mallorca\/wp-content\/uploads\/Denuncia-Dll-contenci\u00f3s-100924-300x200.jpeg 300w, https:\/\/www.psib-psoe.org\/mallorca\/wp-content\/uploads\/Denuncia-Dll-contenci\u00f3s-100924-900x600.jpeg 900w, https:\/\/www.psib-psoe.org\/mallorca\/wp-content\/uploads\/Denuncia-Dll-contenci\u00f3s-100924-20x13.jpeg 20w\" sizes=\"(max-width: 600px) 100vw, 600px\" \/><\/figure>\n\t\t<div class=\"blog-top\">\n\t\t\t<header class=\"post-title entry-header\">\n\t\t\t\t<aside class=\"post-meta cf\">\n\t\t11\/09\/2024 \/ <a href=\"https:\/\/www.psib-psoe.org\/mallorca\/category\/consell-de-mallorca\/\" rel=\"category tag\">Consell de Mallorca<\/a>, <a href=\"https:\/\/www.psib-psoe.org\/mallorca\/category\/federacio-de-mallorca\/\" rel=\"category tag\">Federaci\u00f3 de Mallorca<\/a>, <a href=\"https:\/\/www.psib-psoe.org\/mallorca\/category\/federacio-de-mallorca-portada\/\" rel=\"category tag\">Federaci\u00f3 de Mallorca - Portada<\/a>, <a href=\"https:\/\/www.psib-psoe.org\/mallorca\/category\/portada\/\" rel=\"category tag\">Portada<\/a><\/aside>\n\t\t\t\t<h3 itemprop=\"headline\"><a href=\"https:\/\/www.psib-psoe.org\/mallorca\/els-socialistes-de-mallorca-recorren-judicialment-laplicacio-del-decret-llei-de-prohens-i-galmes-que-aplica-lamnistia-urbanistica-al-sol-rustic-de-mallorca-per-ser-inconstitucional\/\" title=\"Els Socialistes de Mallorca recorren judicialment l\u2019aplicaci\u00f3 del Decret-llei de Prohens i Galm\u00e9s que aplica l\u2019amnistia urban\u00edstica al sol r\u00fastic de Mallorca, per ser inconstitucional\">Els Socialistes de Mallorca recorren judicialment l\u2019aplicaci\u00f3 del Decret-llei de Prohens i Galm\u00e9s que aplica l\u2019amnistia urban\u00edstica al sol r\u00fastic de Mallorca, per ser inconstitucional<\/a><\/h3>\n\t\t\t<\/header>\n\t\t<\/div>\n\t\t<div class=\"post-content\">\n\t\t\t<a href=\"https:\/\/www.psib-psoe.org\/mallorca\/els-socialistes-de-mallorca-recorren-judicialment-laplicacio-del-decret-llei-de-prohens-i-galmes-que-aplica-lamnistia-urbanistica-al-sol-rustic-de-mallorca-per-ser-inconstitucional\/\" class=\"more-link\">Read More<\/a>\n\t\t<\/div>\n\t\t\t<aside class=\"post-bottom-meta hide\">\n\t\t<strong rel=\"author\" itemprop=\"author\" class=\"author vcard\"><span class=\"fn\">Albert<\/span><\/strong>\n\t\t<time class=\"date published time\" datetime=\"2024-09-11T14:35:20+02:00\" itemprop=\"datePublished\" content=\"2024-09-11T14:35:20+02:00\">11\/09\/2024<\/time>\n\t\t<meta itemprop=\"dateModified\" class=\"date updated\" content=\"2024-10-14T11:39:43+02:00\">\n\t\t<span class=\"hide\" itemprop=\"publisher\" itemscope itemtype=\"https:\/\/schema.org\/Organization\">\n\t\t\t<meta itemprop=\"name\" content=\"SocialistesdMca\">\n\t\t\t<span itemprop=\"logo\" itemscope itemtype=\"https:\/\/schema.org\/ImageObject\">\n\t\t\t\t<meta itemprop=\"url\" content=\"https:\/\/www.psib-psoe.org\/mallorca\/wp-content\/themes\/notio-wp\/assets\/img\/logo.png\">\n\t\t\t<\/span>\n\t\t\t<meta itemprop=\"url\" content=\"https:\/\/www.psib-psoe.org\/mallorca\/\">\n\t\t<\/span>\n\t\t\t\t<span class=\"hide\" itemprop=\"image\" itemscope itemtype=\"http:\/\/schema.org\/ImageObject\">\n\t\t\t<meta itemprop=\"url\" content=\"https:\/\/www.psib-psoe.org\/mallorca\/wp-content\/uploads\/Denuncia-Dll-contenci\u00f3s-100924.jpeg\">\n\t\t\t<meta itemprop=\"width\" content=\"2048\">\n\t\t\t<meta itemprop=\"height\" content=\"1536\">\n\t\t<\/span>\n\t\t\t\t<meta itemscope itemprop=\"mainEntityOfPage\" itemtype=\"https:\/\/schema.org\/WebPage\" itemid=\"https:\/\/www.psib-psoe.org\/mallorca\/els-socialistes-de-mallorca-recorren-judicialment-laplicacio-del-decret-llei-de-prohens-i-galmes-que-aplica-lamnistia-urbanistica-al-sol-rustic-de-mallorca-per-ser-inconstitucional\/\">\n\t<\/aside>\n\t\t<\/article>\n<\/div>\n<div class=\"small-12 large-4 columns\">\n\t<article itemscope itemtype=\"http:\/\/schema.org\/Article\" class=\"post blog-style7 alt post-28938 type-post status-publish format-standard has-post-thumbnail hentry category-consell-de-mallorca category-federacio-de-mallorca category-federacio-de-mallorca-portada category-municipis category-portada tag-agrupacio-socialista-de-sineu tag-bea-gamundi tag-catalina-cladera tag-jaume-j-oliver tag-jose-manuel-garcia tag-juana-m-adrover tag-marc-pons tag-psib-psoe tag-rafel-oliver tag-socialistes-de-maria\" role=\"article\">\n\t\t<figure class=\"post-gallery\"><img loading=\"lazy\" decoding=\"async\" width=\"600\" height=\"400\" src=\"https:\/\/www.psib-psoe.org\/mallorca\/wp-content\/uploads\/100924_FOTO-GRUP-PSIB-MACROGRANGES-600x400.jpg\" class=\"attachment-notio-general-x2 size-notio-general-x2 wp-post-image\" alt=\"\" srcset=\"https:\/\/www.psib-psoe.org\/mallorca\/wp-content\/uploads\/100924_FOTO-GRUP-PSIB-MACROGRANGES-600x400.jpg 600w, https:\/\/www.psib-psoe.org\/mallorca\/wp-content\/uploads\/100924_FOTO-GRUP-PSIB-MACROGRANGES-300x200.jpg 300w, https:\/\/www.psib-psoe.org\/mallorca\/wp-content\/uploads\/100924_FOTO-GRUP-PSIB-MACROGRANGES-900x600.jpg 900w, https:\/\/www.psib-psoe.org\/mallorca\/wp-content\/uploads\/100924_FOTO-GRUP-PSIB-MACROGRANGES-20x13.jpg 20w\" sizes=\"(max-width: 600px) 100vw, 600px\" \/><\/figure>\n\t\t<div class=\"blog-top\">\n\t\t\t<header class=\"post-title entry-header\">\n\t\t\t\t<aside class=\"post-meta cf\">\n\t\t10\/09\/2024 \/ <a href=\"https:\/\/www.psib-psoe.org\/mallorca\/category\/consell-de-mallorca\/\" rel=\"category tag\">Consell de Mallorca<\/a>, <a href=\"https:\/\/www.psib-psoe.org\/mallorca\/category\/federacio-de-mallorca\/\" rel=\"category tag\">Federaci\u00f3 de Mallorca<\/a>, <a href=\"https:\/\/www.psib-psoe.org\/mallorca\/category\/federacio-de-mallorca-portada\/\" rel=\"category tag\">Federaci\u00f3 de Mallorca - Portada<\/a>, <a href=\"https:\/\/www.psib-psoe.org\/mallorca\/category\/municipis\/\" rel=\"category tag\">Municipis<\/a>, <a href=\"https:\/\/www.psib-psoe.org\/mallorca\/category\/portada\/\" rel=\"category tag\">Portada<\/a><\/aside>\n\t\t\t\t<h3 itemprop=\"headline\"><a href=\"https:\/\/www.psib-psoe.org\/mallorca\/els-socialistes-presenten-iniciatives-al-parlament-al-consell-i-als-ajuntaments-de-mallorca-en-contra-del-projecte-de-la-macro-granja-avicola-a-sineu\/\" title=\"Els Socialistes presenten iniciatives al Parlament, al Consell i als ajuntaments de Mallorca en contra del projecte de la macro-granja av\u00edcola a Sineu.\">Els Socialistes presenten iniciatives al Parlament, al Consell i als ajuntaments de Mallorca en contra del projecte de la macro-granja av\u00edcola a Sineu.<\/a><\/h3>\n\t\t\t<\/header>\n\t\t<\/div>\n\t\t<div class=\"post-content\">\n\t\t\t<a href=\"https:\/\/www.psib-psoe.org\/mallorca\/els-socialistes-presenten-iniciatives-al-parlament-al-consell-i-als-ajuntaments-de-mallorca-en-contra-del-projecte-de-la-macro-granja-avicola-a-sineu\/\" class=\"more-link\">Read More<\/a>\n\t\t<\/div>\n\t\t\t<aside class=\"post-bottom-meta hide\">\n\t\t<strong rel=\"author\" itemprop=\"author\" class=\"author vcard\"><span class=\"fn\">Albert<\/span><\/strong>\n\t\t<time class=\"date published time\" datetime=\"2024-09-10T18:44:25+02:00\" itemprop=\"datePublished\" content=\"2024-09-10T18:44:25+02:00\">10\/09\/2024<\/time>\n\t\t<meta itemprop=\"dateModified\" class=\"date updated\" content=\"2024-10-14T11:39:44+02:00\">\n\t\t<span class=\"hide\" itemprop=\"publisher\" itemscope itemtype=\"https:\/\/schema.org\/Organization\">\n\t\t\t<meta itemprop=\"name\" content=\"SocialistesdMca\">\n\t\t\t<span itemprop=\"logo\" itemscope itemtype=\"https:\/\/schema.org\/ImageObject\">\n\t\t\t\t<meta itemprop=\"url\" content=\"https:\/\/www.psib-psoe.org\/mallorca\/wp-content\/themes\/notio-wp\/assets\/img\/logo.png\">\n\t\t\t<\/span>\n\t\t\t<meta itemprop=\"url\" content=\"https:\/\/www.psib-psoe.org\/mallorca\/\">\n\t\t<\/span>\n\t\t\t\t<span class=\"hide\" itemprop=\"image\" itemscope itemtype=\"http:\/\/schema.org\/ImageObject\">\n\t\t\t<meta itemprop=\"url\" content=\"https:\/\/www.psib-psoe.org\/mallorca\/wp-content\/uploads\/100924_FOTO-GRUP-PSIB-MACROGRANGES.jpg\">\n\t\t\t<meta itemprop=\"width\" content=\"5374\">\n\t\t\t<meta itemprop=\"height\" content=\"4030\">\n\t\t<\/span>\n\t\t\t\t<meta itemscope itemprop=\"mainEntityOfPage\" itemtype=\"https:\/\/schema.org\/WebPage\" itemid=\"https:\/\/www.psib-psoe.org\/mallorca\/els-socialistes-presenten-iniciatives-al-parlament-al-consell-i-als-ajuntaments-de-mallorca-en-contra-del-projecte-de-la-macro-granja-avicola-a-sineu\/\">\n\t<\/aside>\n\t\t<\/article>\n<\/div>\n<div class=\"small-12 large-4 columns\">\n\t<article itemscope itemtype=\"http:\/\/schema.org\/Article\" class=\"post blog-style7 alt post-28934 type-post status-publish format-standard has-post-thumbnail hentry category-consell-de-mallorca category-federacio-de-mallorca category-federacio-de-mallorca-portada category-municipis category-portada tag-agrupacio-socialista-de-santa-margalida tag-bea-gamundi tag-catalina-cladera tag-psib-psoe tag-xisco-bergas\" role=\"article\">\n\t\t<figure class=\"post-gallery\"><img loading=\"lazy\" decoding=\"async\" width=\"600\" height=\"400\" src=\"https:\/\/www.psib-psoe.org\/mallorca\/wp-content\/uploads\/Inici-curs-6-setembre-24-600x400.jpeg\" class=\"attachment-notio-general-x2 size-notio-general-x2 wp-post-image\" alt=\"\" srcset=\"https:\/\/www.psib-psoe.org\/mallorca\/wp-content\/uploads\/Inici-curs-6-setembre-24-600x400.jpeg 600w, https:\/\/www.psib-psoe.org\/mallorca\/wp-content\/uploads\/Inici-curs-6-setembre-24-300x200.jpeg 300w, https:\/\/www.psib-psoe.org\/mallorca\/wp-content\/uploads\/Inici-curs-6-setembre-24-900x600.jpeg 900w, https:\/\/www.psib-psoe.org\/mallorca\/wp-content\/uploads\/Inici-curs-6-setembre-24-20x13.jpeg 20w\" sizes=\"(max-width: 600px) 100vw, 600px\" \/><\/figure>\n\t\t<div class=\"blog-top\">\n\t\t\t<header class=\"post-title entry-header\">\n\t\t\t\t<aside class=\"post-meta cf\">\n\t\t06\/09\/2024 \/ <a href=\"https:\/\/www.psib-psoe.org\/mallorca\/category\/consell-de-mallorca\/\" rel=\"category tag\">Consell de Mallorca<\/a>, <a href=\"https:\/\/www.psib-psoe.org\/mallorca\/category\/federacio-de-mallorca\/\" rel=\"category tag\">Federaci\u00f3 de Mallorca<\/a>, <a href=\"https:\/\/www.psib-psoe.org\/mallorca\/category\/federacio-de-mallorca-portada\/\" rel=\"category tag\">Federaci\u00f3 de Mallorca - Portada<\/a>, <a href=\"https:\/\/www.psib-psoe.org\/mallorca\/category\/municipis\/\" rel=\"category tag\">Municipis<\/a>, <a href=\"https:\/\/www.psib-psoe.org\/mallorca\/category\/portada\/\" rel=\"category tag\">Portada<\/a><\/aside>\n\t\t\t\t<h3 itemprop=\"headline\"><a href=\"https:\/\/www.psib-psoe.org\/mallorca\/els-socialistes-insten-al-consell-de-mallorca-el-tancament-cautelar-de-lagroturisme-illegal-vinculat-al-batle-de-santa-margalida-i-que-el-pp-rompi-el-pacte-de-govern-al-municipi\/\" title=\"Els Socialistes insten al Consell de Mallorca el tancament cautelar de l\u2019agroturisme il\u00b7legal vinculat al batle de Santa Margalida i que el PP rompi el pacte de govern al municipi.\">Els Socialistes insten al Consell de Mallorca el tancament cautelar de l\u2019agroturisme il\u00b7legal vinculat al batle de Santa Margalida i que el PP rompi el pacte de govern al municipi.<\/a><\/h3>\n\t\t\t<\/header>\n\t\t<\/div>\n\t\t<div class=\"post-content\">\n\t\t\t<a href=\"https:\/\/www.psib-psoe.org\/mallorca\/els-socialistes-insten-al-consell-de-mallorca-el-tancament-cautelar-de-lagroturisme-illegal-vinculat-al-batle-de-santa-margalida-i-que-el-pp-rompi-el-pacte-de-govern-al-municipi\/\" class=\"more-link\">Read More<\/a>\n\t\t<\/div>\n\t\t\t<aside class=\"post-bottom-meta hide\">\n\t\t<strong rel=\"author\" itemprop=\"author\" class=\"author vcard\"><span class=\"fn\">Albert<\/span><\/strong>\n\t\t<time class=\"date published time\" datetime=\"2024-09-06T11:57:00+02:00\" itemprop=\"datePublished\" content=\"2024-09-06T11:57:00+02:00\">06\/09\/2024<\/time>\n\t\t<meta itemprop=\"dateModified\" class=\"date updated\" content=\"2024-10-14T11:39:44+02:00\">\n\t\t<span class=\"hide\" itemprop=\"publisher\" itemscope itemtype=\"https:\/\/schema.org\/Organization\">\n\t\t\t<meta itemprop=\"name\" content=\"SocialistesdMca\">\n\t\t\t<span itemprop=\"logo\" itemscope itemtype=\"https:\/\/schema.org\/ImageObject\">\n\t\t\t\t<meta itemprop=\"url\" content=\"https:\/\/www.psib-psoe.org\/mallorca\/wp-content\/themes\/notio-wp\/assets\/img\/logo.png\">\n\t\t\t<\/span>\n\t\t\t<meta itemprop=\"url\" content=\"https:\/\/www.psib-psoe.org\/mallorca\/\">\n\t\t<\/span>\n\t\t\t\t<span class=\"hide\" itemprop=\"image\" itemscope itemtype=\"http:\/\/schema.org\/ImageObject\">\n\t\t\t<meta itemprop=\"url\" content=\"https:\/\/www.psib-psoe.org\/mallorca\/wp-content\/uploads\/Inici-curs-6-setembre-24.jpeg\">\n\t\t\t<meta itemprop=\"width\" content=\"2560\">\n\t\t\t<meta itemprop=\"height\" content=\"1920\">\n\t\t<\/span>\n\t\t\t\t<meta itemscope itemprop=\"mainEntityOfPage\" itemtype=\"https:\/\/schema.org\/WebPage\" itemid=\"https:\/\/www.psib-psoe.org\/mallorca\/els-socialistes-insten-al-consell-de-mallorca-el-tancament-cautelar-de-lagroturisme-illegal-vinculat-al-batle-de-santa-margalida-i-que-el-pp-rompi-el-pacte-de-govern-al-municipi\/\">\n\t<\/aside>\n\t\t<\/article>\n<\/div>\n<div class=\"small-12 large-4 columns\">\n\t<article itemscope itemtype=\"http:\/\/schema.org\/Article\" class=\"post blog-style7 alt post-28896 type-post status-publish format-standard has-post-thumbnail hentry category-federacio-de-mallorca category-federacio-de-mallorca-portada category-municipis category-portada tag-agrupacio-socialista-de-santanyi tag-federacio-socialista-de-mallorca tag-psib-psoe tag-tino-davia\" role=\"article\">\n\t\t<figure class=\"post-gallery\"><img loading=\"lazy\" decoding=\"async\" width=\"600\" height=\"400\" src=\"https:\/\/www.psib-psoe.org\/mallorca\/wp-content\/uploads\/Tino-Davia-600x400.jpeg\" class=\"attachment-notio-general-x2 size-notio-general-x2 wp-post-image\" alt=\"\" srcset=\"https:\/\/www.psib-psoe.org\/mallorca\/wp-content\/uploads\/Tino-Davia-600x400.jpeg 600w, https:\/\/www.psib-psoe.org\/mallorca\/wp-content\/uploads\/Tino-Davia-300x200.jpeg 300w, https:\/\/www.psib-psoe.org\/mallorca\/wp-content\/uploads\/Tino-Davia-900x600.jpeg 900w, https:\/\/www.psib-psoe.org\/mallorca\/wp-content\/uploads\/Tino-Davia-20x13.jpeg 20w\" sizes=\"(max-width: 600px) 100vw, 600px\" \/><\/figure>\n\t\t<div class=\"blog-top\">\n\t\t\t<header class=\"post-title entry-header\">\n\t\t\t\t<aside class=\"post-meta cf\">\n\t\t12\/08\/2024 \/ <a href=\"https:\/\/www.psib-psoe.org\/mallorca\/category\/federacio-de-mallorca\/\" rel=\"category tag\">Federaci\u00f3 de Mallorca<\/a>, <a href=\"https:\/\/www.psib-psoe.org\/mallorca\/category\/federacio-de-mallorca-portada\/\" rel=\"category tag\">Federaci\u00f3 de Mallorca - Portada<\/a>, <a href=\"https:\/\/www.psib-psoe.org\/mallorca\/category\/municipis\/\" rel=\"category tag\">Municipis<\/a>, <a href=\"https:\/\/www.psib-psoe.org\/mallorca\/category\/portada\/\" rel=\"category tag\">Portada<\/a><\/aside>\n\t\t\t\t<h3 itemprop=\"headline\"><a href=\"https:\/\/www.psib-psoe.org\/mallorca\/els-socialistes-de-santanyi-reclamen-lampliacio-dhoraris-i-personal-a-la-unitat-basica-de-salut-de-cala-dor\/\" title=\"Els Socialistes de Santany\u00ed reclamen l\u2019ampliaci\u00f3 d\u2019horaris i personal a la Unitat B\u00e0sica de Salut de Cala d\u2019Or.\">Els Socialistes de Santany\u00ed reclamen l\u2019ampliaci\u00f3 d\u2019horaris i personal a la Unitat B\u00e0sica de Salut de Cala d\u2019Or.<\/a><\/h3>\n\t\t\t<\/header>\n\t\t<\/div>\n\t\t<div class=\"post-content\">\n\t\t\t<a href=\"https:\/\/www.psib-psoe.org\/mallorca\/els-socialistes-de-santanyi-reclamen-lampliacio-dhoraris-i-personal-a-la-unitat-basica-de-salut-de-cala-dor\/\" class=\"more-link\">Read More<\/a>\n\t\t<\/div>\n\t\t\t<aside class=\"post-bottom-meta hide\">\n\t\t<strong rel=\"author\" itemprop=\"author\" class=\"author vcard\"><span class=\"fn\">Albert<\/span><\/strong>\n\t\t<time class=\"date published time\" datetime=\"2024-08-12T11:39:46+02:00\" itemprop=\"datePublished\" content=\"2024-08-12T11:39:46+02:00\">12\/08\/2024<\/time>\n\t\t<meta itemprop=\"dateModified\" class=\"date updated\" content=\"2024-10-14T11:39:44+02:00\">\n\t\t<span class=\"hide\" itemprop=\"publisher\" itemscope itemtype=\"https:\/\/schema.org\/Organization\">\n\t\t\t<meta itemprop=\"name\" content=\"SocialistesdMca\">\n\t\t\t<span itemprop=\"logo\" itemscope itemtype=\"https:\/\/schema.org\/ImageObject\">\n\t\t\t\t<meta itemprop=\"url\" content=\"https:\/\/www.psib-psoe.org\/mallorca\/wp-content\/themes\/notio-wp\/assets\/img\/logo.png\">\n\t\t\t<\/span>\n\t\t\t<meta itemprop=\"url\" content=\"https:\/\/www.psib-psoe.org\/mallorca\/\">\n\t\t<\/span>\n\t\t\t\t<span class=\"hide\" itemprop=\"image\" itemscope itemtype=\"http:\/\/schema.org\/ImageObject\">\n\t\t\t<meta itemprop=\"url\" content=\"https:\/\/www.psib-psoe.org\/mallorca\/wp-content\/uploads\/Tino-Davia.jpeg\">\n\t\t\t<meta itemprop=\"width\" content=\"1852\">\n\t\t\t<meta itemprop=\"height\" content=\"1852\">\n\t\t<\/span>\n\t\t\t\t<meta itemscope itemprop=\"mainEntityOfPage\" itemtype=\"https:\/\/schema.org\/WebPage\" itemid=\"https:\/\/www.psib-psoe.org\/mallorca\/els-socialistes-de-santanyi-reclamen-lampliacio-dhoraris-i-personal-a-la-unitat-basica-de-salut-de-cala-dor\/\">\n\t<\/aside>\n\t\t<\/article>\n<\/div>\n<div class=\"small-12 large-4 columns\">\n\t<article itemscope itemtype=\"http:\/\/schema.org\/Article\" class=\"post blog-style7 alt post-28890 type-post status-publish format-standard has-post-thumbnail hentry category-consell-de-mallorca category-federacio-de-mallorca category-federacio-de-mallorca-portada category-portada tag-consell-de-mallorca tag-federacio-socialista-de-mallorca tag-juana-m-adrover tag-psib-psoe\" role=\"article\">\n\t\t<figure class=\"post-gallery\"><img loading=\"lazy\" decoding=\"async\" width=\"600\" height=\"400\" src=\"https:\/\/www.psib-psoe.org\/mallorca\/wp-content\/uploads\/WhatsApp-Image-2024-07-29-at-11.10.34-600x400.jpeg\" class=\"attachment-notio-general-x2 size-notio-general-x2 wp-post-image\" alt=\"\" srcset=\"https:\/\/www.psib-psoe.org\/mallorca\/wp-content\/uploads\/WhatsApp-Image-2024-07-29-at-11.10.34-600x400.jpeg 600w, https:\/\/www.psib-psoe.org\/mallorca\/wp-content\/uploads\/WhatsApp-Image-2024-07-29-at-11.10.34-300x200.jpeg 300w, https:\/\/www.psib-psoe.org\/mallorca\/wp-content\/uploads\/WhatsApp-Image-2024-07-29-at-11.10.34-900x600.jpeg 900w, https:\/\/www.psib-psoe.org\/mallorca\/wp-content\/uploads\/WhatsApp-Image-2024-07-29-at-11.10.34-20x13.jpeg 20w\" sizes=\"(max-width: 600px) 100vw, 600px\" \/><\/figure>\n\t\t<div class=\"blog-top\">\n\t\t\t<header class=\"post-title entry-header\">\n\t\t\t\t<aside class=\"post-meta cf\">\n\t\t09\/08\/2024 \/ <a href=\"https:\/\/www.psib-psoe.org\/mallorca\/category\/consell-de-mallorca\/\" rel=\"category tag\">Consell de Mallorca<\/a>, <a href=\"https:\/\/www.psib-psoe.org\/mallorca\/category\/federacio-de-mallorca\/\" rel=\"category tag\">Federaci\u00f3 de Mallorca<\/a>, <a href=\"https:\/\/www.psib-psoe.org\/mallorca\/category\/federacio-de-mallorca-portada\/\" rel=\"category tag\">Federaci\u00f3 de Mallorca - Portada<\/a>, <a href=\"https:\/\/www.psib-psoe.org\/mallorca\/category\/portada\/\" rel=\"category tag\">Portada<\/a><\/aside>\n\t\t\t\t<h3 itemprop=\"headline\"><a href=\"https:\/\/www.psib-psoe.org\/mallorca\/els-socialistes-reclamen-explicacions-al-portaveu-de-vox-al-consell-sobre-el-presumpte-cas-dexplotacio-laboral-a-immigrants-dins-la-seva-empresa\/\" title=\"Els Socialistes reclamen explicacions al portaveu de Vox al Consell sobre el presumpte cas d\u2019explotaci\u00f3 laboral a immigrants dins la seva empresa.\">Els Socialistes reclamen explicacions al portaveu de Vox al Consell sobre el presumpte cas d\u2019explotaci\u00f3 laboral a immigrants dins la seva empresa.<\/a><\/h3>\n\t\t\t<\/header>\n\t\t<\/div>\n\t\t<div class=\"post-content\">\n\t\t\t<a href=\"https:\/\/www.psib-psoe.org\/mallorca\/els-socialistes-reclamen-explicacions-al-portaveu-de-vox-al-consell-sobre-el-presumpte-cas-dexplotacio-laboral-a-immigrants-dins-la-seva-empresa\/\" class=\"more-link\">Read More<\/a>\n\t\t<\/div>\n\t\t\t<aside class=\"post-bottom-meta hide\">\n\t\t<strong rel=\"author\" itemprop=\"author\" class=\"author vcard\"><span class=\"fn\">Albert<\/span><\/strong>\n\t\t<time class=\"date published time\" datetime=\"2024-08-09T15:13:33+02:00\" itemprop=\"datePublished\" content=\"2024-08-09T15:13:33+02:00\">09\/08\/2024<\/time>\n\t\t<meta itemprop=\"dateModified\" class=\"date updated\" content=\"2024-10-14T11:39:44+02:00\">\n\t\t<span class=\"hide\" itemprop=\"publisher\" itemscope itemtype=\"https:\/\/schema.org\/Organization\">\n\t\t\t<meta itemprop=\"name\" content=\"SocialistesdMca\">\n\t\t\t<span itemprop=\"logo\" itemscope itemtype=\"https:\/\/schema.org\/ImageObject\">\n\t\t\t\t<meta itemprop=\"url\" content=\"https:\/\/www.psib-psoe.org\/mallorca\/wp-content\/themes\/notio-wp\/assets\/img\/logo.png\">\n\t\t\t<\/span>\n\t\t\t<meta itemprop=\"url\" content=\"https:\/\/www.psib-psoe.org\/mallorca\/\">\n\t\t<\/span>\n\t\t\t\t<span class=\"hide\" itemprop=\"image\" itemscope itemtype=\"http:\/\/schema.org\/ImageObject\">\n\t\t\t<meta itemprop=\"url\" content=\"https:\/\/www.psib-psoe.org\/mallorca\/wp-content\/uploads\/WhatsApp-Image-2024-07-29-at-11.10.34.jpeg\">\n\t\t\t<meta itemprop=\"width\" content=\"2048\">\n\t\t\t<meta itemprop=\"height\" content=\"1536\">\n\t\t<\/span>\n\t\t\t\t<meta itemscope itemprop=\"mainEntityOfPage\" itemtype=\"https:\/\/schema.org\/WebPage\" itemid=\"https:\/\/www.psib-psoe.org\/mallorca\/els-socialistes-reclamen-explicacions-al-portaveu-de-vox-al-consell-sobre-el-presumpte-cas-dexplotacio-laboral-a-immigrants-dins-la-seva-empresa\/\">\n\t<\/aside>\n\t\t<\/article>\n<\/div>\n<div class=\"small-12 large-4 columns\">\n\t<article itemscope itemtype=\"http:\/\/schema.org\/Article\" class=\"post blog-style7 alt post-28891 type-post status-publish format-standard has-post-thumbnail hentry category-consell-de-mallorca category-federacio-de-mallorca category-federacio-de-mallorca-portada category-portada tag-catalina-cladera tag-federacio-socialista-de-mallorca tag-javier-de-juan tag-psib-psoe tag-sofia-alonso\" role=\"article\">\n\t\t<figure class=\"post-gallery\"><img loading=\"lazy\" decoding=\"async\" width=\"600\" height=\"400\" src=\"https:\/\/www.psib-psoe.org\/mallorca\/wp-content\/uploads\/040724-Catalina-Cladera-1-600x400.jpg\" class=\"attachment-notio-general-x2 size-notio-general-x2 wp-post-image\" alt=\"\" srcset=\"https:\/\/www.psib-psoe.org\/mallorca\/wp-content\/uploads\/040724-Catalina-Cladera-1-600x400.jpg 600w, https:\/\/www.psib-psoe.org\/mallorca\/wp-content\/uploads\/040724-Catalina-Cladera-1-300x200.jpg 300w, https:\/\/www.psib-psoe.org\/mallorca\/wp-content\/uploads\/040724-Catalina-Cladera-1-900x600.jpg 900w, https:\/\/www.psib-psoe.org\/mallorca\/wp-content\/uploads\/040724-Catalina-Cladera-1-20x13.jpg 20w\" sizes=\"(max-width: 600px) 100vw, 600px\" \/><\/figure>\n\t\t<div class=\"blog-top\">\n\t\t\t<header class=\"post-title entry-header\">\n\t\t\t\t<aside class=\"post-meta cf\">\n\t\t08\/08\/2024 \/ <a href=\"https:\/\/www.psib-psoe.org\/mallorca\/category\/consell-de-mallorca\/\" rel=\"category tag\">Consell de Mallorca<\/a>, <a href=\"https:\/\/www.psib-psoe.org\/mallorca\/category\/federacio-de-mallorca\/\" rel=\"category tag\">Federaci\u00f3 de Mallorca<\/a>, <a href=\"https:\/\/www.psib-psoe.org\/mallorca\/category\/federacio-de-mallorca-portada\/\" rel=\"category tag\">Federaci\u00f3 de Mallorca - Portada<\/a>, <a href=\"https:\/\/www.psib-psoe.org\/mallorca\/category\/portada\/\" rel=\"category tag\">Portada<\/a><\/aside>\n\t\t\t\t<h3 itemprop=\"headline\"><a href=\"https:\/\/www.psib-psoe.org\/mallorca\/el-grup-socialista-demana-una-nova-ubicacio-mes-adient-per-a-installar-el-nou-centre-de-crisi-per-a-dones-victima-de-violencia-masclista-a-mallorca\/\" title=\"El Grup Socialista demana una nova ubicaci\u00f3 m\u00e9s adient per a instal\u00b7lar el nou centre de crisi per a dones v\u00edctima de viol\u00e8ncia masclista a Mallorca.\">El Grup Socialista demana una nova ubicaci\u00f3 m\u00e9s adient per a instal\u00b7lar el nou centre de crisi per a dones v\u00edctima de viol\u00e8ncia masclista a Mallorca.<\/a><\/h3>\n\t\t\t<\/header>\n\t\t<\/div>\n\t\t<div class=\"post-content\">\n\t\t\t<a href=\"https:\/\/www.psib-psoe.org\/mallorca\/el-grup-socialista-demana-una-nova-ubicacio-mes-adient-per-a-installar-el-nou-centre-de-crisi-per-a-dones-victima-de-violencia-masclista-a-mallorca\/\" class=\"more-link\">Read More<\/a>\n\t\t<\/div>\n\t\t\t<aside class=\"post-bottom-meta hide\">\n\t\t<strong rel=\"author\" itemprop=\"author\" class=\"author vcard\"><span class=\"fn\">Albert<\/span><\/strong>\n\t\t<time class=\"date published time\" datetime=\"2024-08-08T14:19:26+02:00\" itemprop=\"datePublished\" content=\"2024-08-08T14:19:26+02:00\">08\/08\/2024<\/time>\n\t\t<meta itemprop=\"dateModified\" class=\"date updated\" content=\"2024-10-14T11:39:45+02:00\">\n\t\t<span class=\"hide\" itemprop=\"publisher\" itemscope itemtype=\"https:\/\/schema.org\/Organization\">\n\t\t\t<meta itemprop=\"name\" content=\"SocialistesdMca\">\n\t\t\t<span itemprop=\"logo\" itemscope itemtype=\"https:\/\/schema.org\/ImageObject\">\n\t\t\t\t<meta itemprop=\"url\" content=\"https:\/\/www.psib-psoe.org\/mallorca\/wp-content\/themes\/notio-wp\/assets\/img\/logo.png\">\n\t\t\t<\/span>\n\t\t\t<meta itemprop=\"url\" content=\"https:\/\/www.psib-psoe.org\/mallorca\/\">\n\t\t<\/span>\n\t\t\t\t<span class=\"hide\" itemprop=\"image\" itemscope itemtype=\"http:\/\/schema.org\/ImageObject\">\n\t\t\t<meta itemprop=\"url\" content=\"https:\/\/www.psib-psoe.org\/mallorca\/wp-content\/uploads\/040724-Catalina-Cladera-1.jpg\">\n\t\t\t<meta itemprop=\"width\" content=\"5712\">\n\t\t\t<meta itemprop=\"height\" content=\"4284\">\n\t\t<\/span>\n\t\t\t\t<meta itemscope itemprop=\"mainEntityOfPage\" itemtype=\"https:\/\/schema.org\/WebPage\" itemid=\"https:\/\/www.psib-psoe.org\/mallorca\/el-grup-socialista-demana-una-nova-ubicacio-mes-adient-per-a-installar-el-nou-centre-de-crisi-per-a-dones-victima-de-violencia-masclista-a-mallorca\/\">\n\t<\/aside>\n\t\t<\/article>\n<\/div>\n<div class=\"small-12 large-4 columns\">\n\t<article itemscope itemtype=\"http:\/\/schema.org\/Article\" class=\"post blog-style7 alt post-28887 type-post status-publish format-standard has-post-thumbnail hentry category-federacio-de-mallorca category-federacio-de-mallorca-portada category-municipis category-portada tag-agrupacio-socialista-de-soller tag-catalina-cladera tag-federacio-socialista-de-mallorca tag-jaume-mateu tag-psib-psoe\" role=\"article\">\n\t\t<figure class=\"post-gallery\"><img loading=\"lazy\" decoding=\"async\" width=\"600\" height=\"400\" src=\"https:\/\/www.psib-psoe.org\/mallorca\/wp-content\/uploads\/Cladera-Mateu-600x400.jpeg\" class=\"attachment-notio-general-x2 size-notio-general-x2 wp-post-image\" alt=\"\" srcset=\"https:\/\/www.psib-psoe.org\/mallorca\/wp-content\/uploads\/Cladera-Mateu-600x400.jpeg 600w, https:\/\/www.psib-psoe.org\/mallorca\/wp-content\/uploads\/Cladera-Mateu-300x200.jpeg 300w, https:\/\/www.psib-psoe.org\/mallorca\/wp-content\/uploads\/Cladera-Mateu-900x600.jpeg 900w, https:\/\/www.psib-psoe.org\/mallorca\/wp-content\/uploads\/Cladera-Mateu-20x13.jpeg 20w\" sizes=\"(max-width: 600px) 100vw, 600px\" \/><\/figure>\n\t\t<div class=\"blog-top\">\n\t\t\t<header class=\"post-title entry-header\">\n\t\t\t\t<aside class=\"post-meta cf\">\n\t\t07\/08\/2024 \/ <a href=\"https:\/\/www.psib-psoe.org\/mallorca\/category\/federacio-de-mallorca\/\" rel=\"category tag\">Federaci\u00f3 de Mallorca<\/a>, <a href=\"https:\/\/www.psib-psoe.org\/mallorca\/category\/federacio-de-mallorca-portada\/\" rel=\"category tag\">Federaci\u00f3 de Mallorca - Portada<\/a>, <a href=\"https:\/\/www.psib-psoe.org\/mallorca\/category\/municipis\/\" rel=\"category tag\">Municipis<\/a>, <a href=\"https:\/\/www.psib-psoe.org\/mallorca\/category\/portada\/\" rel=\"category tag\">Portada<\/a><\/aside>\n\t\t\t\t<h3 itemprop=\"headline\"><a href=\"https:\/\/www.psib-psoe.org\/mallorca\/els-socialistes-de-soller-denuncien-la-manca-de-reaccio-de-lajuntament-davant-els-vessaments-de-fecals-i-la-mala-qualitat-de-les-aigues-a-les-platges-del-port\/\" title=\"Els Socialistes de S\u00f3ller denuncien la manca de reacci\u00f3 de l\u2019Ajuntament davant els vessaments de fecals i la mala qualitat de les aig\u00fces a les platges del Port.\">Els Socialistes de S\u00f3ller denuncien la manca de reacci\u00f3 de l\u2019Ajuntament davant els vessaments de fecals i la mala qualitat de les aig\u00fces a les platges del Port.<\/a><\/h3>\n\t\t\t<\/header>\n\t\t<\/div>\n\t\t<div class=\"post-content\">\n\t\t\t<a href=\"https:\/\/www.psib-psoe.org\/mallorca\/els-socialistes-de-soller-denuncien-la-manca-de-reaccio-de-lajuntament-davant-els-vessaments-de-fecals-i-la-mala-qualitat-de-les-aigues-a-les-platges-del-port\/\" class=\"more-link\">Read More<\/a>\n\t\t<\/div>\n\t\t\t<aside class=\"post-bottom-meta hide\">\n\t\t<strong rel=\"author\" itemprop=\"author\" class=\"author vcard\"><span class=\"fn\">Albert<\/span><\/strong>\n\t\t<time class=\"date published time\" datetime=\"2024-08-07T13:05:14+02:00\" itemprop=\"datePublished\" content=\"2024-08-07T13:05:14+02:00\">07\/08\/2024<\/time>\n\t\t<meta itemprop=\"dateModified\" class=\"date updated\" content=\"2024-10-14T11:39:45+02:00\">\n\t\t<span class=\"hide\" itemprop=\"publisher\" itemscope itemtype=\"https:\/\/schema.org\/Organization\">\n\t\t\t<meta itemprop=\"name\" content=\"SocialistesdMca\">\n\t\t\t<span itemprop=\"logo\" itemscope itemtype=\"https:\/\/schema.org\/ImageObject\">\n\t\t\t\t<meta itemprop=\"url\" content=\"https:\/\/www.psib-psoe.org\/mallorca\/wp-content\/themes\/notio-wp\/assets\/img\/logo.png\">\n\t\t\t<\/span>\n\t\t\t<meta itemprop=\"url\" content=\"https:\/\/www.psib-psoe.org\/mallorca\/\">\n\t\t<\/span>\n\t\t\t\t<span class=\"hide\" itemprop=\"image\" itemscope itemtype=\"http:\/\/schema.org\/ImageObject\">\n\t\t\t<meta itemprop=\"url\" content=\"https:\/\/www.psib-psoe.org\/mallorca\/wp-content\/uploads\/Cladera-Mateu.jpeg\">\n\t\t\t<meta itemprop=\"width\" content=\"2000\">\n\t\t\t<meta itemprop=\"height\" content=\"900\">\n\t\t<\/span>\n\t\t\t\t<meta itemscope itemprop=\"mainEntityOfPage\" itemtype=\"https:\/\/schema.org\/WebPage\" itemid=\"https:\/\/www.psib-psoe.org\/mallorca\/els-socialistes-de-soller-denuncien-la-manca-de-reaccio-de-lajuntament-davant-els-vessaments-de-fecals-i-la-mala-qualitat-de-les-aigues-a-les-platges-del-port\/\">\n\t<\/aside>\n\t\t<\/article>\n<\/div>\n<div class=\"small-12 large-4 columns\">\n\t<article itemscope itemtype=\"http:\/\/schema.org\/Article\" class=\"post blog-style7 alt post-28883 type-post status-publish format-standard has-post-thumbnail hentry category-consell-de-mallorca category-federacio-de-mallorca category-federacio-de-mallorca-portada category-portada tag-catalina-cladera tag-federacio-socialista-de-mallorca tag-javier-de-juan tag-psib-psoe\" role=\"article\">\n\t\t<figure class=\"post-gallery\"><img loading=\"lazy\" decoding=\"async\" width=\"600\" height=\"400\" src=\"https:\/\/www.psib-psoe.org\/mallorca\/wp-content\/uploads\/Javier-600x400.jpeg\" class=\"attachment-notio-general-x2 size-notio-general-x2 wp-post-image\" alt=\"\" srcset=\"https:\/\/www.psib-psoe.org\/mallorca\/wp-content\/uploads\/Javier-600x400.jpeg 600w, https:\/\/www.psib-psoe.org\/mallorca\/wp-content\/uploads\/Javier-300x200.jpeg 300w, https:\/\/www.psib-psoe.org\/mallorca\/wp-content\/uploads\/Javier-20x13.jpeg 20w\" sizes=\"(max-width: 600px) 100vw, 600px\" \/><\/figure>\n\t\t<div class=\"blog-top\">\n\t\t\t<header class=\"post-title entry-header\">\n\t\t\t\t<aside class=\"post-meta cf\">\n\t\t06\/08\/2024 \/ <a href=\"https:\/\/www.psib-psoe.org\/mallorca\/category\/consell-de-mallorca\/\" rel=\"category tag\">Consell de Mallorca<\/a>, <a href=\"https:\/\/www.psib-psoe.org\/mallorca\/category\/federacio-de-mallorca\/\" rel=\"category tag\">Federaci\u00f3 de Mallorca<\/a>, <a href=\"https:\/\/www.psib-psoe.org\/mallorca\/category\/federacio-de-mallorca-portada\/\" rel=\"category tag\">Federaci\u00f3 de Mallorca - Portada<\/a>, <a href=\"https:\/\/www.psib-psoe.org\/mallorca\/category\/portada\/\" rel=\"category tag\">Portada<\/a><\/aside>\n\t\t\t\t<h3 itemprop=\"headline\"><a href=\"https:\/\/www.psib-psoe.org\/mallorca\/els-socialistes-demanen-la-compareixenca-de-la-consellera-de-presidencia-del-govern-per-aclarir-el-compliment-de-la-jornada-laboral-de-nuria-riera\/\" title=\"Els Socialistes demanen la compareixen\u00e7a de la consellera de Presid\u00e8ncia del Govern per aclarir el compliment de la jornada laboral de N\u00faria Riera.\">Els Socialistes demanen la compareixen\u00e7a de la consellera de Presid\u00e8ncia del Govern per aclarir el compliment de la jornada laboral de N\u00faria Riera.<\/a><\/h3>\n\t\t\t<\/header>\n\t\t<\/div>\n\t\t<div class=\"post-content\">\n\t\t\t<a href=\"https:\/\/www.psib-psoe.org\/mallorca\/els-socialistes-demanen-la-compareixenca-de-la-consellera-de-presidencia-del-govern-per-aclarir-el-compliment-de-la-jornada-laboral-de-nuria-riera\/\" class=\"more-link\">Read More<\/a>\n\t\t<\/div>\n\t\t\t<aside class=\"post-bottom-meta hide\">\n\t\t<strong rel=\"author\" itemprop=\"author\" class=\"author vcard\"><span class=\"fn\">Albert<\/span><\/strong>\n\t\t<time class=\"date published time\" datetime=\"2024-08-06T13:10:58+02:00\" itemprop=\"datePublished\" content=\"2024-08-06T13:10:58+02:00\">06\/08\/2024<\/time>\n\t\t<meta itemprop=\"dateModified\" class=\"date updated\" content=\"2024-10-14T11:39:45+02:00\">\n\t\t<span class=\"hide\" itemprop=\"publisher\" itemscope itemtype=\"https:\/\/schema.org\/Organization\">\n\t\t\t<meta itemprop=\"name\" content=\"SocialistesdMca\">\n\t\t\t<span itemprop=\"logo\" itemscope itemtype=\"https:\/\/schema.org\/ImageObject\">\n\t\t\t\t<meta itemprop=\"url\" content=\"https:\/\/www.psib-psoe.org\/mallorca\/wp-content\/themes\/notio-wp\/assets\/img\/logo.png\">\n\t\t\t<\/span>\n\t\t\t<meta itemprop=\"url\" content=\"https:\/\/www.psib-psoe.org\/mallorca\/\">\n\t\t<\/span>\n\t\t\t\t<span class=\"hide\" itemprop=\"image\" itemscope itemtype=\"http:\/\/schema.org\/ImageObject\">\n\t\t\t<meta itemprop=\"url\" content=\"https:\/\/www.psib-psoe.org\/mallorca\/wp-content\/uploads\/Javier.jpeg\">\n\t\t\t<meta itemprop=\"width\" content=\"828\">\n\t\t\t<meta itemprop=\"height\" content=\"1196\">\n\t\t<\/span>\n\t\t\t\t<meta itemscope itemprop=\"mainEntityOfPage\" itemtype=\"https:\/\/schema.org\/WebPage\" itemid=\"https:\/\/www.psib-psoe.org\/mallorca\/els-socialistes-demanen-la-compareixenca-de-la-consellera-de-presidencia-del-govern-per-aclarir-el-compliment-de-la-jornada-laboral-de-nuria-riera\/\">\n\t<\/aside>\n\t\t<\/article>\n<\/div>\n<div class=\"small-12 large-4 columns\">\n\t<article itemscope itemtype=\"http:\/\/schema.org\/Article\" class=\"post blog-style7 alt post-28881 type-post status-publish format-standard has-post-thumbnail hentry category-consell-de-mallorca category-federacio-de-mallorca category-federacio-de-mallorca-portada category-municipis category-portada tag-agrupacio-socialista-dandratx tag-catalina-cladera tag-federacio-socialista-de-mallorca tag-javier-de-juan tag-psib-psoe\" role=\"article\">\n\t\t<figure class=\"post-gallery\"><img loading=\"lazy\" decoding=\"async\" width=\"600\" height=\"400\" src=\"https:\/\/www.psib-psoe.org\/mallorca\/wp-content\/uploads\/Rdp-fora-Vox-de-Mallorca-600x400.jpeg\" class=\"attachment-notio-general-x2 size-notio-general-x2 wp-post-image\" alt=\"\" srcset=\"https:\/\/www.psib-psoe.org\/mallorca\/wp-content\/uploads\/Rdp-fora-Vox-de-Mallorca-600x400.jpeg 600w, https:\/\/www.psib-psoe.org\/mallorca\/wp-content\/uploads\/Rdp-fora-Vox-de-Mallorca-300x200.jpeg 300w, https:\/\/www.psib-psoe.org\/mallorca\/wp-content\/uploads\/Rdp-fora-Vox-de-Mallorca-900x600.jpeg 900w, https:\/\/www.psib-psoe.org\/mallorca\/wp-content\/uploads\/Rdp-fora-Vox-de-Mallorca-20x13.jpeg 20w\" sizes=\"(max-width: 600px) 100vw, 600px\" \/><\/figure>\n\t\t<div class=\"blog-top\">\n\t\t\t<header class=\"post-title entry-header\">\n\t\t\t\t<aside class=\"post-meta cf\">\n\t\t02\/08\/2024 \/ <a href=\"https:\/\/www.psib-psoe.org\/mallorca\/category\/consell-de-mallorca\/\" rel=\"category tag\">Consell de Mallorca<\/a>, <a href=\"https:\/\/www.psib-psoe.org\/mallorca\/category\/federacio-de-mallorca\/\" rel=\"category tag\">Federaci\u00f3 de Mallorca<\/a>, <a href=\"https:\/\/www.psib-psoe.org\/mallorca\/category\/federacio-de-mallorca-portada\/\" rel=\"category tag\">Federaci\u00f3 de Mallorca - Portada<\/a>, <a href=\"https:\/\/www.psib-psoe.org\/mallorca\/category\/municipis\/\" rel=\"category tag\">Municipis<\/a>, <a href=\"https:\/\/www.psib-psoe.org\/mallorca\/category\/portada\/\" rel=\"category tag\">Portada<\/a><\/aside>\n\t\t\t\t<h3 itemprop=\"headline\"><a href=\"https:\/\/www.psib-psoe.org\/mallorca\/el-grup-socialista-exigeix-al-consell-que-emprengui-accions-legals-contra-lagroturisme-de-porsell-per-falsejar-la-realitat-per-obtenir-els-permisos\/\" title=\"El Grup Socialista exigeix al Consell que emprengui accions legals contra l\u2019agroturisme de Porsell \u201cper falsejar la realitat per obtenir els permisos\u201d.\">El Grup Socialista exigeix al Consell que emprengui accions legals contra l\u2019agroturisme de Porsell \u201cper falsejar la realitat per obtenir els permisos\u201d.<\/a><\/h3>\n\t\t\t<\/header>\n\t\t<\/div>\n\t\t<div class=\"post-content\">\n\t\t\t<a href=\"https:\/\/www.psib-psoe.org\/mallorca\/el-grup-socialista-exigeix-al-consell-que-emprengui-accions-legals-contra-lagroturisme-de-porsell-per-falsejar-la-realitat-per-obtenir-els-permisos\/\" class=\"more-link\">Read More<\/a>\n\t\t<\/div>\n\t\t\t<aside class=\"post-bottom-meta hide\">\n\t\t<strong rel=\"author\" itemprop=\"author\" class=\"author vcard\"><span class=\"fn\">Albert<\/span><\/strong>\n\t\t<time class=\"date published time\" datetime=\"2024-08-02T12:35:13+02:00\" itemprop=\"datePublished\" content=\"2024-08-02T12:35:13+02:00\">02\/08\/2024<\/time>\n\t\t<meta itemprop=\"dateModified\" class=\"date updated\" content=\"2024-10-14T11:39:45+02:00\">\n\t\t<span class=\"hide\" itemprop=\"publisher\" itemscope itemtype=\"https:\/\/schema.org\/Organization\">\n\t\t\t<meta itemprop=\"name\" content=\"SocialistesdMca\">\n\t\t\t<span itemprop=\"logo\" itemscope itemtype=\"https:\/\/schema.org\/ImageObject\">\n\t\t\t\t<meta itemprop=\"url\" content=\"https:\/\/www.psib-psoe.org\/mallorca\/wp-content\/themes\/notio-wp\/assets\/img\/logo.png\">\n\t\t\t<\/span>\n\t\t\t<meta itemprop=\"url\" content=\"https:\/\/www.psib-psoe.org\/mallorca\/\">\n\t\t<\/span>\n\t\t\t\t<span class=\"hide\" itemprop=\"image\" itemscope itemtype=\"http:\/\/schema.org\/ImageObject\">\n\t\t\t<meta itemprop=\"url\" content=\"https:\/\/www.psib-psoe.org\/mallorca\/wp-content\/uploads\/Rdp-fora-Vox-de-Mallorca.jpeg\">\n\t\t\t<meta itemprop=\"width\" content=\"1600\">\n\t\t\t<meta itemprop=\"height\" content=\"1200\">\n\t\t<\/span>\n\t\t\t\t<meta itemscope itemprop=\"mainEntityOfPage\" itemtype=\"https:\/\/schema.org\/WebPage\" itemid=\"https:\/\/www.psib-psoe.org\/mallorca\/el-grup-socialista-exigeix-al-consell-que-emprengui-accions-legals-contra-lagroturisme-de-porsell-per-falsejar-la-realitat-per-obtenir-els-permisos\/\">\n\t<\/aside>\n\t\t<\/article>\n<\/div>\n<div class=\"small-12 large-4 columns\">\n\t<article itemscope itemtype=\"http:\/\/schema.org\/Article\" class=\"post blog-style7 alt post-28878 type-post status-publish format-standard has-post-thumbnail hentry category-federacio-de-mallorca category-federacio-de-mallorca-portada category-municipis category-portada tag-agrupacio-socialista-de-llucmajor tag-federacio-socialista-de-mallorca tag-jaume-j-oliver tag-psib-psoe\" role=\"article\">\n\t\t<figure class=\"post-gallery\"><img loading=\"lazy\" decoding=\"async\" width=\"600\" height=\"400\" src=\"https:\/\/www.psib-psoe.org\/mallorca\/wp-content\/uploads\/WhatsApp-Image-2024-08-01-at-07.53.11-600x400.jpeg\" class=\"attachment-notio-general-x2 size-notio-general-x2 wp-post-image\" alt=\"\" srcset=\"https:\/\/www.psib-psoe.org\/mallorca\/wp-content\/uploads\/WhatsApp-Image-2024-08-01-at-07.53.11-600x400.jpeg 600w, https:\/\/www.psib-psoe.org\/mallorca\/wp-content\/uploads\/WhatsApp-Image-2024-08-01-at-07.53.11-300x200.jpeg 300w, https:\/\/www.psib-psoe.org\/mallorca\/wp-content\/uploads\/WhatsApp-Image-2024-08-01-at-07.53.11-768x512.jpeg 768w, https:\/\/www.psib-psoe.org\/mallorca\/wp-content\/uploads\/WhatsApp-Image-2024-08-01-at-07.53.11-1024x683.jpeg 1024w, https:\/\/www.psib-psoe.org\/mallorca\/wp-content\/uploads\/WhatsApp-Image-2024-08-01-at-07.53.11-150x100.jpeg 150w, https:\/\/www.psib-psoe.org\/mallorca\/wp-content\/uploads\/WhatsApp-Image-2024-08-01-at-07.53.11-900x600.jpeg 900w, https:\/\/www.psib-psoe.org\/mallorca\/wp-content\/uploads\/WhatsApp-Image-2024-08-01-at-07.53.11-20x13.jpeg 20w, https:\/\/www.psib-psoe.org\/mallorca\/wp-content\/uploads\/WhatsApp-Image-2024-08-01-at-07.53.11.jpeg 2048w\" sizes=\"(max-width: 600px) 100vw, 600px\" \/><\/figure>\n\t\t<div class=\"blog-top\">\n\t\t\t<header class=\"post-title entry-header\">\n\t\t\t\t<aside class=\"post-meta cf\">\n\t\t02\/08\/2024 \/ <a href=\"https:\/\/www.psib-psoe.org\/mallorca\/category\/federacio-de-mallorca\/\" rel=\"category tag\">Federaci\u00f3 de Mallorca<\/a>, <a href=\"https:\/\/www.psib-psoe.org\/mallorca\/category\/federacio-de-mallorca-portada\/\" rel=\"category tag\">Federaci\u00f3 de Mallorca - Portada<\/a>, <a href=\"https:\/\/www.psib-psoe.org\/mallorca\/category\/municipis\/\" rel=\"category tag\">Municipis<\/a>, <a href=\"https:\/\/www.psib-psoe.org\/mallorca\/category\/portada\/\" rel=\"category tag\">Portada<\/a><\/aside>\n\t\t\t\t<h3 itemprop=\"headline\"><a href=\"https:\/\/www.psib-psoe.org\/mallorca\/els-socialistes-de-llucmajor-denuncien-que-lequip-de-govern-municipal-abandona-els-majors-de-badia-gran-i-de-sarenal\/\" title=\"Els Socialistes de Llucmajor denuncien que l\u2019equip de govern municipal abandona els majors de Badia Gran i de s\u2019Arenal.\">Els Socialistes de Llucmajor denuncien que l\u2019equip de govern municipal abandona els majors de Badia Gran i de s\u2019Arenal.<\/a><\/h3>\n\t\t\t<\/header>\n\t\t<\/div>\n\t\t<div class=\"post-content\">\n\t\t\t<a href=\"https:\/\/www.psib-psoe.org\/mallorca\/els-socialistes-de-llucmajor-denuncien-que-lequip-de-govern-municipal-abandona-els-majors-de-badia-gran-i-de-sarenal\/\" class=\"more-link\">Read More<\/a>\n\t\t<\/div>\n\t\t\t<aside class=\"post-bottom-meta hide\">\n\t\t<strong rel=\"author\" itemprop=\"author\" class=\"author vcard\"><span class=\"fn\">Albert<\/span><\/strong>\n\t\t<time class=\"date published time\" datetime=\"2024-08-02T09:32:32+02:00\" itemprop=\"datePublished\" content=\"2024-08-02T09:32:32+02:00\">02\/08\/2024<\/time>\n\t\t<meta itemprop=\"dateModified\" class=\"date updated\" content=\"2024-10-14T11:39:45+02:00\">\n\t\t<span class=\"hide\" itemprop=\"publisher\" itemscope itemtype=\"https:\/\/schema.org\/Organization\">\n\t\t\t<meta itemprop=\"name\" content=\"SocialistesdMca\">\n\t\t\t<span itemprop=\"logo\" itemscope itemtype=\"https:\/\/schema.org\/ImageObject\">\n\t\t\t\t<meta itemprop=\"url\" content=\"https:\/\/www.psib-psoe.org\/mallorca\/wp-content\/themes\/notio-wp\/assets\/img\/logo.png\">\n\t\t\t<\/span>\n\t\t\t<meta itemprop=\"url\" content=\"https:\/\/www.psib-psoe.org\/mallorca\/\">\n\t\t<\/span>\n\t\t\t\t<span class=\"hide\" itemprop=\"image\" itemscope itemtype=\"http:\/\/schema.org\/ImageObject\">\n\t\t\t<meta itemprop=\"url\" content=\"https:\/\/www.psib-psoe.org\/mallorca\/wp-content\/uploads\/WhatsApp-Image-2024-08-01-at-07.53.11.jpeg\">\n\t\t\t<meta itemprop=\"width\" content=\"2048\">\n\t\t\t<meta itemprop=\"height\" content=\"1365\">\n\t\t<\/span>\n\t\t\t\t<meta itemscope itemprop=\"mainEntityOfPage\" itemtype=\"https:\/\/schema.org\/WebPage\" itemid=\"https:\/\/www.psib-psoe.org\/mallorca\/els-socialistes-de-llucmajor-denuncien-que-lequip-de-govern-municipal-abandona-els-majors-de-badia-gran-i-de-sarenal\/\">\n\t<\/aside>\n\t\t<\/article>\n<\/div>\n<div class=\"small-12 large-4 columns\">\n\t<article itemscope itemtype=\"http:\/\/schema.org\/Article\" class=\"post blog-style7 alt post-28873 type-post status-publish format-standard has-post-thumbnail hentry category-consell-de-mallorca category-federacio-de-mallorca category-federacio-de-mallorca-portada category-municipis category-portada tag-catalina-cladera tag-federacio-socialista-de-mallorca tag-mercedes-garrido tag-psib-psoe\" role=\"article\">\n\t\t<figure class=\"post-gallery\"><img loading=\"lazy\" decoding=\"async\" width=\"600\" height=\"400\" src=\"https:\/\/www.psib-psoe.org\/mallorca\/wp-content\/uploads\/310724_Mercedes-Garrido-i-Catalina-Cladera-600x400.jpg\" class=\"attachment-notio-general-x2 size-notio-general-x2 wp-post-image\" alt=\"\" srcset=\"https:\/\/www.psib-psoe.org\/mallorca\/wp-content\/uploads\/310724_Mercedes-Garrido-i-Catalina-Cladera-600x400.jpg 600w, https:\/\/www.psib-psoe.org\/mallorca\/wp-content\/uploads\/310724_Mercedes-Garrido-i-Catalina-Cladera-300x200.jpg 300w, https:\/\/www.psib-psoe.org\/mallorca\/wp-content\/uploads\/310724_Mercedes-Garrido-i-Catalina-Cladera-900x600.jpg 900w, https:\/\/www.psib-psoe.org\/mallorca\/wp-content\/uploads\/310724_Mercedes-Garrido-i-Catalina-Cladera-20x13.jpg 20w\" sizes=\"(max-width: 600px) 100vw, 600px\" \/><\/figure>\n\t\t<div class=\"blog-top\">\n\t\t\t<header class=\"post-title entry-header\">\n\t\t\t\t<aside class=\"post-meta cf\">\n\t\t31\/07\/2024 \/ <a href=\"https:\/\/www.psib-psoe.org\/mallorca\/category\/consell-de-mallorca\/\" rel=\"category tag\">Consell de Mallorca<\/a>, <a href=\"https:\/\/www.psib-psoe.org\/mallorca\/category\/federacio-de-mallorca\/\" rel=\"category tag\">Federaci\u00f3 de Mallorca<\/a>, <a href=\"https:\/\/www.psib-psoe.org\/mallorca\/category\/federacio-de-mallorca-portada\/\" rel=\"category tag\">Federaci\u00f3 de Mallorca - Portada<\/a>, <a href=\"https:\/\/www.psib-psoe.org\/mallorca\/category\/municipis\/\" rel=\"category tag\">Municipis<\/a>, <a href=\"https:\/\/www.psib-psoe.org\/mallorca\/category\/portada\/\" rel=\"category tag\">Portada<\/a><\/aside>\n\t\t\t\t<h3 itemprop=\"headline\"><a href=\"https:\/\/www.psib-psoe.org\/mallorca\/els-socialistes-de-mallorca-presentaran-recurs-al-contencios-administratiu-contra-laplicacio-del-decret-llei-de-prohens-i-galmes-que-legalitza-30-000-edificacions-illegals-en-rustic-per-ser\/\" title=\"Els Socialistes de Mallorca presentaran recurs al contenci\u00f3s-administratiu contra l\u2019aplicaci\u00f3 del Decret-llei de Prohens i Galm\u00e9s que legalitza 30.000 edificacions il\u00b7legals en r\u00fastic, per ser inconstitucional.\">Els Socialistes de Mallorca presentaran recurs al contenci\u00f3s-administratiu contra l\u2019aplicaci\u00f3 del Decret-llei de Prohens i Galm\u00e9s que legalitza 30.000 edificacions il\u00b7legals en r\u00fastic, per ser inconstitucional.<\/a><\/h3>\n\t\t\t<\/header>\n\t\t<\/div>\n\t\t<div class=\"post-content\">\n\t\t\t<a href=\"https:\/\/www.psib-psoe.org\/mallorca\/els-socialistes-de-mallorca-presentaran-recurs-al-contencios-administratiu-contra-laplicacio-del-decret-llei-de-prohens-i-galmes-que-legalitza-30-000-edificacions-illegals-en-rustic-per-ser\/\" class=\"more-link\">Read More<\/a>\n\t\t<\/div>\n\t\t\t<aside class=\"post-bottom-meta hide\">\n\t\t<strong rel=\"author\" itemprop=\"author\" class=\"author vcard\"><span class=\"fn\">Albert<\/span><\/strong>\n\t\t<time class=\"date published time\" datetime=\"2024-07-31T14:16:39+02:00\" itemprop=\"datePublished\" content=\"2024-07-31T14:16:39+02:00\">31\/07\/2024<\/time>\n\t\t<meta itemprop=\"dateModified\" class=\"date updated\" content=\"2024-10-14T11:39:45+02:00\">\n\t\t<span class=\"hide\" itemprop=\"publisher\" itemscope itemtype=\"https:\/\/schema.org\/Organization\">\n\t\t\t<meta itemprop=\"name\" content=\"SocialistesdMca\">\n\t\t\t<span itemprop=\"logo\" itemscope itemtype=\"https:\/\/schema.org\/ImageObject\">\n\t\t\t\t<meta itemprop=\"url\" content=\"https:\/\/www.psib-psoe.org\/mallorca\/wp-content\/themes\/notio-wp\/assets\/img\/logo.png\">\n\t\t\t<\/span>\n\t\t\t<meta itemprop=\"url\" content=\"https:\/\/www.psib-psoe.org\/mallorca\/\">\n\t\t<\/span>\n\t\t\t\t<span class=\"hide\" itemprop=\"image\" itemscope itemtype=\"http:\/\/schema.org\/ImageObject\">\n\t\t\t<meta itemprop=\"url\" content=\"https:\/\/www.psib-psoe.org\/mallorca\/wp-content\/uploads\/310724_Mercedes-Garrido-i-Catalina-Cladera.jpg\">\n\t\t\t<meta itemprop=\"width\" content=\"4094\">\n\t\t\t<meta itemprop=\"height\" content=\"3067\">\n\t\t<\/span>\n\t\t\t\t<meta itemscope itemprop=\"mainEntityOfPage\" itemtype=\"https:\/\/schema.org\/WebPage\" itemid=\"https:\/\/www.psib-psoe.org\/mallorca\/els-socialistes-de-mallorca-presentaran-recurs-al-contencios-administratiu-contra-laplicacio-del-decret-llei-de-prohens-i-galmes-que-legalitza-30-000-edificacions-illegals-en-rustic-per-ser\/\">\n\t<\/aside>\n\t\t<\/article>\n<\/div>\n<div class=\"small-12 large-4 columns\">\n\t<article itemscope itemtype=\"http:\/\/schema.org\/Article\" class=\"post blog-style7 alt post-28865 type-post status-publish format-standard has-post-thumbnail hentry category-consell-de-mallorca category-federacio-de-mallorca category-federacio-de-mallorca-portada category-portada tag-andreu-serra tag-bea-gamundi tag-catalina-cladera tag-federacio-socialista-de-mallorca tag-gabriel-alomar tag-javier-de-juan tag-joan-ferrer tag-juana-m-adrover tag-psib-psoe tag-sofia-alonso\" role=\"article\">\n\t\t<figure class=\"post-gallery\"><img loading=\"lazy\" decoding=\"async\" width=\"600\" height=\"400\" src=\"https:\/\/www.psib-psoe.org\/mallorca\/wp-content\/uploads\/WhatsApp-Image-2024-07-29-at-11.10.34-600x400.jpeg\" class=\"attachment-notio-general-x2 size-notio-general-x2 wp-post-image\" alt=\"\" srcset=\"https:\/\/www.psib-psoe.org\/mallorca\/wp-content\/uploads\/WhatsApp-Image-2024-07-29-at-11.10.34-600x400.jpeg 600w, https:\/\/www.psib-psoe.org\/mallorca\/wp-content\/uploads\/WhatsApp-Image-2024-07-29-at-11.10.34-300x200.jpeg 300w, https:\/\/www.psib-psoe.org\/mallorca\/wp-content\/uploads\/WhatsApp-Image-2024-07-29-at-11.10.34-900x600.jpeg 900w, https:\/\/www.psib-psoe.org\/mallorca\/wp-content\/uploads\/WhatsApp-Image-2024-07-29-at-11.10.34-20x13.jpeg 20w\" sizes=\"(max-width: 600px) 100vw, 600px\" \/><\/figure>\n\t\t<div class=\"blog-top\">\n\t\t\t<header class=\"post-title entry-header\">\n\t\t\t\t<aside class=\"post-meta cf\">\n\t\t29\/07\/2024 \/ <a href=\"https:\/\/www.psib-psoe.org\/mallorca\/category\/consell-de-mallorca\/\" rel=\"category tag\">Consell de Mallorca<\/a>, <a href=\"https:\/\/www.psib-psoe.org\/mallorca\/category\/federacio-de-mallorca\/\" rel=\"category tag\">Federaci\u00f3 de Mallorca<\/a>, <a href=\"https:\/\/www.psib-psoe.org\/mallorca\/category\/federacio-de-mallorca-portada\/\" rel=\"category tag\">Federaci\u00f3 de Mallorca - Portada<\/a>, <a href=\"https:\/\/www.psib-psoe.org\/mallorca\/category\/portada\/\" rel=\"category tag\">Portada<\/a><\/aside>\n\t\t\t\t<h3 itemprop=\"headline\"><a href=\"https:\/\/www.psib-psoe.org\/mallorca\/el-grup-socialista-aconsegueix-aprovar-62-de-les-127-propostes-de-resolucio-al-debat-de-politica-general-del-consell-per-provocar-el-canvi-de-rumb-que-demanda-mallorca\/\" title=\"El Grup Socialista aconsegueix aprovar 62 de les 127 propostes de resoluci\u00f3 al Debat de Pol\u00edtica General del Consell, per provocar el \u201ccanvi de rumb que demanda Mallorca\u201d.\">El Grup Socialista aconsegueix aprovar 62 de les 127 propostes de resoluci\u00f3 al Debat de Pol\u00edtica General del Consell, per provocar el \u201ccanvi de rumb que demanda Mallorca\u201d.<\/a><\/h3>\n\t\t\t<\/header>\n\t\t<\/div>\n\t\t<div class=\"post-content\">\n\t\t\t<a href=\"https:\/\/www.psib-psoe.org\/mallorca\/el-grup-socialista-aconsegueix-aprovar-62-de-les-127-propostes-de-resolucio-al-debat-de-politica-general-del-consell-per-provocar-el-canvi-de-rumb-que-demanda-mallorca\/\" class=\"more-link\">Read More<\/a>\n\t\t<\/div>\n\t\t\t<aside class=\"post-bottom-meta hide\">\n\t\t<strong rel=\"author\" itemprop=\"author\" class=\"author vcard\"><span class=\"fn\">Albert<\/span><\/strong>\n\t\t<time class=\"date published time\" datetime=\"2024-07-29T17:31:51+02:00\" itemprop=\"datePublished\" content=\"2024-07-29T17:31:51+02:00\">29\/07\/2024<\/time>\n\t\t<meta itemprop=\"dateModified\" class=\"date updated\" content=\"2024-10-14T11:39:45+02:00\">\n\t\t<span class=\"hide\" itemprop=\"publisher\" itemscope itemtype=\"https:\/\/schema.org\/Organization\">\n\t\t\t<meta itemprop=\"name\" content=\"SocialistesdMca\">\n\t\t\t<span itemprop=\"logo\" itemscope itemtype=\"https:\/\/schema.org\/ImageObject\">\n\t\t\t\t<meta itemprop=\"url\" content=\"https:\/\/www.psib-psoe.org\/mallorca\/wp-content\/themes\/notio-wp\/assets\/img\/logo.png\">\n\t\t\t<\/span>\n\t\t\t<meta itemprop=\"url\" content=\"https:\/\/www.psib-psoe.org\/mallorca\/\">\n\t\t<\/span>\n\t\t\t\t<span class=\"hide\" itemprop=\"image\" itemscope itemtype=\"http:\/\/schema.org\/ImageObject\">\n\t\t\t<meta itemprop=\"url\" content=\"https:\/\/www.psib-psoe.org\/mallorca\/wp-content\/uploads\/WhatsApp-Image-2024-07-29-at-11.10.34.jpeg\">\n\t\t\t<meta itemprop=\"width\" content=\"2048\">\n\t\t\t<meta itemprop=\"height\" content=\"1536\">\n\t\t<\/span>\n\t\t\t\t<meta itemscope itemprop=\"mainEntityOfPage\" itemtype=\"https:\/\/schema.org\/WebPage\" itemid=\"https:\/\/www.psib-psoe.org\/mallorca\/el-grup-socialista-aconsegueix-aprovar-62-de-les-127-propostes-de-resolucio-al-debat-de-politica-general-del-consell-per-provocar-el-canvi-de-rumb-que-demanda-mallorca\/\">\n\t<\/aside>\n\t\t<\/article>\n<\/div>\n<div class=\"small-12 large-4 columns\">\n\t<article itemscope itemtype=\"http:\/\/schema.org\/Article\" class=\"post blog-style7 alt post-28859 type-post status-publish format-standard has-post-thumbnail hentry category-consell-de-mallorca category-federacio-de-mallorca category-federacio-de-mallorca-portada category-portada tag-andreu-serra tag-bea-gamundi tag-catalina-cladera tag-federacio-socialista-de-mallorca tag-gabriel-alomar tag-javier-de-juan tag-joan-ferrer tag-juana-m-adrover tag-psib-psoe tag-sofia-alonso\" role=\"article\">\n\t\t<figure class=\"post-gallery\"><img loading=\"lazy\" decoding=\"async\" width=\"600\" height=\"400\" src=\"https:\/\/www.psib-psoe.org\/mallorca\/wp-content\/uploads\/WhatsApp-Image-2024-07-29-at-11.11.37-600x400.jpeg\" class=\"attachment-notio-general-x2 size-notio-general-x2 wp-post-image\" alt=\"\" srcset=\"https:\/\/www.psib-psoe.org\/mallorca\/wp-content\/uploads\/WhatsApp-Image-2024-07-29-at-11.11.37-600x400.jpeg 600w, https:\/\/www.psib-psoe.org\/mallorca\/wp-content\/uploads\/WhatsApp-Image-2024-07-29-at-11.11.37-300x200.jpeg 300w, https:\/\/www.psib-psoe.org\/mallorca\/wp-content\/uploads\/WhatsApp-Image-2024-07-29-at-11.11.37-900x600.jpeg 900w, https:\/\/www.psib-psoe.org\/mallorca\/wp-content\/uploads\/WhatsApp-Image-2024-07-29-at-11.11.37-20x13.jpeg 20w\" sizes=\"(max-width: 600px) 100vw, 600px\" \/><\/figure>\n\t\t<div class=\"blog-top\">\n\t\t\t<header class=\"post-title entry-header\">\n\t\t\t\t<aside class=\"post-meta cf\">\n\t\t29\/07\/2024 \/ <a href=\"https:\/\/www.psib-psoe.org\/mallorca\/category\/consell-de-mallorca\/\" rel=\"category tag\">Consell de Mallorca<\/a>, <a href=\"https:\/\/www.psib-psoe.org\/mallorca\/category\/federacio-de-mallorca\/\" rel=\"category tag\">Federaci\u00f3 de Mallorca<\/a>, <a href=\"https:\/\/www.psib-psoe.org\/mallorca\/category\/federacio-de-mallorca-portada\/\" rel=\"category tag\">Federaci\u00f3 de Mallorca - Portada<\/a>, <a href=\"https:\/\/www.psib-psoe.org\/mallorca\/category\/portada\/\" rel=\"category tag\">Portada<\/a><\/aside>\n\t\t\t\t<h3 itemprop=\"headline\"><a href=\"https:\/\/www.psib-psoe.org\/mallorca\/els-socialistes-exigeixen-galmes-que-doni-explicacions-sobre-la-situacio-laboral-de-la-portaveu-del-pp-al-consell-nuria-riera\/\" title=\"Els socialistes exigeixen Galm\u00e9s que doni explicacions sobre la situaci\u00f3 laboral de la portaveu del PP al Consell, N\u00faria Riera.\">Els socialistes exigeixen Galm\u00e9s que doni explicacions sobre la situaci\u00f3 laboral de la portaveu del PP al Consell, N\u00faria Riera.<\/a><\/h3>\n\t\t\t<\/header>\n\t\t<\/div>\n\t\t<div class=\"post-content\">\n\t\t\t<a href=\"https:\/\/www.psib-psoe.org\/mallorca\/els-socialistes-exigeixen-galmes-que-doni-explicacions-sobre-la-situacio-laboral-de-la-portaveu-del-pp-al-consell-nuria-riera\/\" class=\"more-link\">Read More<\/a>\n\t\t<\/div>\n\t\t\t<aside class=\"post-bottom-meta hide\">\n\t\t<strong rel=\"author\" itemprop=\"author\" class=\"author vcard\"><span class=\"fn\">Albert<\/span><\/strong>\n\t\t<time class=\"date published time\" datetime=\"2024-07-29T13:02:37+02:00\" itemprop=\"datePublished\" content=\"2024-07-29T13:02:37+02:00\">29\/07\/2024<\/time>\n\t\t<meta itemprop=\"dateModified\" class=\"date updated\" content=\"2024-10-14T11:39:45+02:00\">\n\t\t<span class=\"hide\" itemprop=\"publisher\" itemscope itemtype=\"https:\/\/schema.org\/Organization\">\n\t\t\t<meta itemprop=\"name\" content=\"SocialistesdMca\">\n\t\t\t<span itemprop=\"logo\" itemscope itemtype=\"https:\/\/schema.org\/ImageObject\">\n\t\t\t\t<meta itemprop=\"url\" content=\"https:\/\/www.psib-psoe.org\/mallorca\/wp-content\/themes\/notio-wp\/assets\/img\/logo.png\">\n\t\t\t<\/span>\n\t\t\t<meta itemprop=\"url\" content=\"https:\/\/www.psib-psoe.org\/mallorca\/\">\n\t\t<\/span>\n\t\t\t\t<span class=\"hide\" itemprop=\"image\" itemscope itemtype=\"http:\/\/schema.org\/ImageObject\">\n\t\t\t<meta itemprop=\"url\" content=\"https:\/\/www.psib-psoe.org\/mallorca\/wp-content\/uploads\/WhatsApp-Image-2024-07-29-at-11.11.37.jpeg\">\n\t\t\t<meta itemprop=\"width\" content=\"1600\">\n\t\t\t<meta itemprop=\"height\" content=\"1200\">\n\t\t<\/span>\n\t\t\t\t<meta itemscope itemprop=\"mainEntityOfPage\" itemtype=\"https:\/\/schema.org\/WebPage\" itemid=\"https:\/\/www.psib-psoe.org\/mallorca\/els-socialistes-exigeixen-galmes-que-doni-explicacions-sobre-la-situacio-laboral-de-la-portaveu-del-pp-al-consell-nuria-riera\/\">\n\t<\/aside>\n\t\t<\/article>\n<\/div>\n<div class=\"small-12 large-4 columns\">\n\t<article itemscope itemtype=\"http:\/\/schema.org\/Article\" class=\"post blog-style7 alt post-28863 type-post status-publish format-standard has-post-thumbnail hentry category-federacio-de-mallorca tag-federacio-socialista-de-mallorca\" role=\"article\">\n\t\t<figure class=\"post-gallery\"><img loading=\"lazy\" decoding=\"async\" width=\"600\" height=\"400\" src=\"https:\/\/www.psib-psoe.org\/mallorca\/wp-content\/uploads\/GRpcWqjaEAA1hZS-600x400.jpeg\" class=\"attachment-notio-general-x2 size-notio-general-x2 wp-post-image\" alt=\"\" srcset=\"https:\/\/www.psib-psoe.org\/mallorca\/wp-content\/uploads\/GRpcWqjaEAA1hZS-600x400.jpeg 600w, https:\/\/www.psib-psoe.org\/mallorca\/wp-content\/uploads\/GRpcWqjaEAA1hZS-300x200.jpeg 300w, https:\/\/www.psib-psoe.org\/mallorca\/wp-content\/uploads\/GRpcWqjaEAA1hZS-20x13.jpeg 20w\" sizes=\"(max-width: 600px) 100vw, 600px\" \/><\/figure>\n\t\t<div class=\"blog-top\">\n\t\t\t<header class=\"post-title entry-header\">\n\t\t\t\t<aside class=\"post-meta cf\">\n\t\t29\/07\/2024 \/ <a href=\"https:\/\/www.psib-psoe.org\/mallorca\/category\/federacio-de-mallorca\/\" rel=\"category tag\">Federaci\u00f3 de Mallorca<\/a><\/aside>\n\t\t\t\t<h3 itemprop=\"headline\"><a href=\"https:\/\/www.psib-psoe.org\/mallorca\/els-socialistes-critiquen-la-incoherencia-del-pp-respecte-del-projecte-del-segon-cable-dinterconnexio-electrica-que-unira-mallorca-amb-la-peninsula-pel-que-fa-al-tram-dentrada-a-l\/\" title=\"Els Socialistes critiquen la incoher\u00e8ncia del PP respecte del projecte del segon cable d\u2019interconnexi\u00f3 el\u00e8ctrica que unir\u00e0 Mallorca amb la Pen\u00ednsula, pel que fa al tram d\u2019entrada a l\u2019illa per Alc\u00fadia.\">Els Socialistes critiquen la incoher\u00e8ncia del PP respecte del projecte del segon cable d\u2019interconnexi\u00f3 el\u00e8ctrica que unir\u00e0 Mallorca amb la Pen\u00ednsula, pel que fa al tram d\u2019entrada a l\u2019illa per Alc\u00fadia.<\/a><\/h3>\n\t\t\t<\/header>\n\t\t<\/div>\n\t\t<div class=\"post-content\">\n\t\t\t<a href=\"https:\/\/www.psib-psoe.org\/mallorca\/els-socialistes-critiquen-la-incoherencia-del-pp-respecte-del-projecte-del-segon-cable-dinterconnexio-electrica-que-unira-mallorca-amb-la-peninsula-pel-que-fa-al-tram-dentrada-a-l\/\" class=\"more-link\">Read More<\/a>\n\t\t<\/div>\n\t\t\t<aside class=\"post-bottom-meta hide\">\n\t\t<strong rel=\"author\" itemprop=\"author\" class=\"author vcard\"><span class=\"fn\">adminpsib<\/span><\/strong>\n\t\t<time class=\"date published time\" datetime=\"2024-07-29T13:02:03+02:00\" itemprop=\"datePublished\" content=\"2024-07-29T13:02:03+02:00\">29\/07\/2024<\/time>\n\t\t<meta itemprop=\"dateModified\" class=\"date updated\" content=\"2024-10-14T11:39:45+02:00\">\n\t\t<span class=\"hide\" itemprop=\"publisher\" itemscope itemtype=\"https:\/\/schema.org\/Organization\">\n\t\t\t<meta itemprop=\"name\" content=\"SocialistesdMca\">\n\t\t\t<span itemprop=\"logo\" itemscope itemtype=\"https:\/\/schema.org\/ImageObject\">\n\t\t\t\t<meta itemprop=\"url\" content=\"https:\/\/www.psib-psoe.org\/mallorca\/wp-content\/themes\/notio-wp\/assets\/img\/logo.png\">\n\t\t\t<\/span>\n\t\t\t<meta itemprop=\"url\" content=\"https:\/\/www.psib-psoe.org\/mallorca\/\">\n\t\t<\/span>\n\t\t\t\t<span class=\"hide\" itemprop=\"image\" itemscope itemtype=\"http:\/\/schema.org\/ImageObject\">\n\t\t\t<meta itemprop=\"url\" content=\"https:\/\/www.psib-psoe.org\/mallorca\/wp-content\/uploads\/GRpcWqjaEAA1hZS.jpeg\">\n\t\t\t<meta itemprop=\"width\" content=\"828\">\n\t\t\t<meta itemprop=\"height\" content=\"1343\">\n\t\t<\/span>\n\t\t\t\t<meta itemscope itemprop=\"mainEntityOfPage\" itemtype=\"https:\/\/schema.org\/WebPage\" itemid=\"https:\/\/www.psib-psoe.org\/mallorca\/els-socialistes-critiquen-la-incoherencia-del-pp-respecte-del-projecte-del-segon-cable-dinterconnexio-electrica-que-unira-mallorca-amb-la-peninsula-pel-que-fa-al-tram-dentrada-a-l\/\">\n\t<\/aside>\n\t\t<\/article>\n<\/div>\n<div class=\"small-12 large-4 columns\">\n\t<article itemscope itemtype=\"http:\/\/schema.org\/Article\" class=\"post blog-style7 alt post-28849 type-post status-publish format-standard has-post-thumbnail hentry category-consell-de-mallorca category-federacio-de-mallorca category-federacio-de-mallorca-portada category-municipis category-portada tag-andreu-serra tag-bea-gamundi tag-catalina-cladera tag-federacio-socialista-de-mallorca tag-gabriel-alomar tag-javier-de-juan tag-joan-ferrer tag-juana-m-adrover tag-psib-psoe tag-sofia-alonso\" role=\"article\">\n\t\t<figure class=\"post-gallery\"><img loading=\"lazy\" decoding=\"async\" width=\"600\" height=\"400\" src=\"https:\/\/www.psib-psoe.org\/mallorca\/wp-content\/uploads\/Rdp-propostes-resoluci\u00f3-600x400.jpeg\" class=\"attachment-notio-general-x2 size-notio-general-x2 wp-post-image\" alt=\"\" srcset=\"https:\/\/www.psib-psoe.org\/mallorca\/wp-content\/uploads\/Rdp-propostes-resoluci\u00f3-600x400.jpeg 600w, https:\/\/www.psib-psoe.org\/mallorca\/wp-content\/uploads\/Rdp-propostes-resoluci\u00f3-300x200.jpeg 300w, https:\/\/www.psib-psoe.org\/mallorca\/wp-content\/uploads\/Rdp-propostes-resoluci\u00f3-900x600.jpeg 900w, https:\/\/www.psib-psoe.org\/mallorca\/wp-content\/uploads\/Rdp-propostes-resoluci\u00f3-20x13.jpeg 20w\" sizes=\"(max-width: 600px) 100vw, 600px\" \/><\/figure>\n\t\t<div class=\"blog-top\">\n\t\t\t<header class=\"post-title entry-header\">\n\t\t\t\t<aside class=\"post-meta cf\">\n\t\t24\/07\/2024 \/ <a href=\"https:\/\/www.psib-psoe.org\/mallorca\/category\/consell-de-mallorca\/\" rel=\"category tag\">Consell de Mallorca<\/a>, <a href=\"https:\/\/www.psib-psoe.org\/mallorca\/category\/federacio-de-mallorca\/\" rel=\"category tag\">Federaci\u00f3 de Mallorca<\/a>, <a href=\"https:\/\/www.psib-psoe.org\/mallorca\/category\/federacio-de-mallorca-portada\/\" rel=\"category tag\">Federaci\u00f3 de Mallorca - Portada<\/a>, <a href=\"https:\/\/www.psib-psoe.org\/mallorca\/category\/municipis\/\" rel=\"category tag\">Municipis<\/a>, <a href=\"https:\/\/www.psib-psoe.org\/mallorca\/category\/portada\/\" rel=\"category tag\">Portada<\/a><\/aside>\n\t\t\t\t<h3 itemprop=\"headline\"><a href=\"https:\/\/www.psib-psoe.org\/mallorca\/el-grup-socialista-presenta-127-propostes-de-resolucio-al-debat-de-politica-general-del-consell-per-provocar-el-canvi-de-rumb-que-demanda-mallorca\/\" title=\"El Grup Socialista presenta 127 propostes de resoluci\u00f3 al Debat de Pol\u00edtica General del Consell, per provocar el \u201ccanvi de rumb que demanda Mallorca\u201d.\">El Grup Socialista presenta 127 propostes de resoluci\u00f3 al Debat de Pol\u00edtica General del Consell, per provocar el \u201ccanvi de rumb que demanda Mallorca\u201d.<\/a><\/h3>\n\t\t\t<\/header>\n\t\t<\/div>\n\t\t<div class=\"post-content\">\n\t\t\t<a href=\"https:\/\/www.psib-psoe.org\/mallorca\/el-grup-socialista-presenta-127-propostes-de-resolucio-al-debat-de-politica-general-del-consell-per-provocar-el-canvi-de-rumb-que-demanda-mallorca\/\" class=\"more-link\">Read More<\/a>\n\t\t<\/div>\n\t\t\t<aside class=\"post-bottom-meta hide\">\n\t\t<strong rel=\"author\" itemprop=\"author\" class=\"author vcard\"><span class=\"fn\">Albert<\/span><\/strong>\n\t\t<time class=\"date published time\" datetime=\"2024-07-24T12:45:31+02:00\" itemprop=\"datePublished\" content=\"2024-07-24T12:45:31+02:00\">24\/07\/2024<\/time>\n\t\t<meta itemprop=\"dateModified\" class=\"date updated\" content=\"2024-10-14T11:39:45+02:00\">\n\t\t<span class=\"hide\" itemprop=\"publisher\" itemscope itemtype=\"https:\/\/schema.org\/Organization\">\n\t\t\t<meta itemprop=\"name\" content=\"SocialistesdMca\">\n\t\t\t<span itemprop=\"logo\" itemscope itemtype=\"https:\/\/schema.org\/ImageObject\">\n\t\t\t\t<meta itemprop=\"url\" content=\"https:\/\/www.psib-psoe.org\/mallorca\/wp-content\/themes\/notio-wp\/assets\/img\/logo.png\">\n\t\t\t<\/span>\n\t\t\t<meta itemprop=\"url\" content=\"https:\/\/www.psib-psoe.org\/mallorca\/\">\n\t\t<\/span>\n\t\t\t\t<span class=\"hide\" itemprop=\"image\" itemscope itemtype=\"http:\/\/schema.org\/ImageObject\">\n\t\t\t<meta itemprop=\"url\" content=\"https:\/\/www.psib-psoe.org\/mallorca\/wp-content\/uploads\/Rdp-propostes-resoluci\u00f3.jpeg\">\n\t\t\t<meta itemprop=\"width\" content=\"1600\">\n\t\t\t<meta itemprop=\"height\" content=\"1200\">\n\t\t<\/span>\n\t\t\t\t<meta itemscope itemprop=\"mainEntityOfPage\" itemtype=\"https:\/\/schema.org\/WebPage\" itemid=\"https:\/\/www.psib-psoe.org\/mallorca\/el-grup-socialista-presenta-127-propostes-de-resolucio-al-debat-de-politica-general-del-consell-per-provocar-el-canvi-de-rumb-que-demanda-mallorca\/\">\n\t<\/aside>\n\t\t<\/article>\n<\/div>\n<div class=\"small-12 large-4 columns\">\n\t<article itemscope itemtype=\"http:\/\/schema.org\/Article\" class=\"post blog-style7 alt post-28845 type-post status-publish format-standard has-post-thumbnail hentry category-consell-de-mallorca category-federacio-de-mallorca category-federacio-de-mallorca-portada category-municipis category-portada tag-agrupacio-socialista-de-llucmajor tag-catalina-cladera tag-federacio-socialista-de-mallorca tag-jaume-j-oliver tag-omar-lamin tag-psib-psoe tag-sofia-alonso\" role=\"article\">\n\t\t<figure class=\"post-gallery\"><img loading=\"lazy\" decoding=\"async\" width=\"600\" height=\"400\" src=\"https:\/\/www.psib-psoe.org\/mallorca\/wp-content\/uploads\/Llucmajor-PNL-centres-de-dia-600x400.jpeg\" class=\"attachment-notio-general-x2 size-notio-general-x2 wp-post-image\" alt=\"\" srcset=\"https:\/\/www.psib-psoe.org\/mallorca\/wp-content\/uploads\/Llucmajor-PNL-centres-de-dia-600x400.jpeg 600w, https:\/\/www.psib-psoe.org\/mallorca\/wp-content\/uploads\/Llucmajor-PNL-centres-de-dia-300x200.jpeg 300w, https:\/\/www.psib-psoe.org\/mallorca\/wp-content\/uploads\/Llucmajor-PNL-centres-de-dia-900x600.jpeg 900w, https:\/\/www.psib-psoe.org\/mallorca\/wp-content\/uploads\/Llucmajor-PNL-centres-de-dia-20x13.jpeg 20w\" sizes=\"(max-width: 600px) 100vw, 600px\" \/><\/figure>\n\t\t<div class=\"blog-top\">\n\t\t\t<header class=\"post-title entry-header\">\n\t\t\t\t<aside class=\"post-meta cf\">\n\t\t23\/07\/2024 \/ <a href=\"https:\/\/www.psib-psoe.org\/mallorca\/category\/consell-de-mallorca\/\" rel=\"category tag\">Consell de Mallorca<\/a>, <a href=\"https:\/\/www.psib-psoe.org\/mallorca\/category\/federacio-de-mallorca\/\" rel=\"category tag\">Federaci\u00f3 de Mallorca<\/a>, <a href=\"https:\/\/www.psib-psoe.org\/mallorca\/category\/federacio-de-mallorca-portada\/\" rel=\"category tag\">Federaci\u00f3 de Mallorca - Portada<\/a>, <a href=\"https:\/\/www.psib-psoe.org\/mallorca\/category\/municipis\/\" rel=\"category tag\">Municipis<\/a>, <a href=\"https:\/\/www.psib-psoe.org\/mallorca\/category\/portada\/\" rel=\"category tag\">Portada<\/a><\/aside>\n\t\t\t\t<h3 itemprop=\"headline\"><a href=\"https:\/\/www.psib-psoe.org\/mallorca\/els-socialistes-exigeixen-millores-de-les-infraestructures-datencio-a-persones-majors-dependents-a-llucmajor\/\" title=\"Els Socialistes exigeixen millores de les infraestructures d\u2019atenci\u00f3 a persones majors dependents a Llucmajor.\">Els Socialistes exigeixen millores de les infraestructures d\u2019atenci\u00f3 a persones majors dependents a Llucmajor.<\/a><\/h3>\n\t\t\t<\/header>\n\t\t<\/div>\n\t\t<div class=\"post-content\">\n\t\t\t<a href=\"https:\/\/www.psib-psoe.org\/mallorca\/els-socialistes-exigeixen-millores-de-les-infraestructures-datencio-a-persones-majors-dependents-a-llucmajor\/\" class=\"more-link\">Read More<\/a>\n\t\t<\/div>\n\t\t\t<aside class=\"post-bottom-meta hide\">\n\t\t<strong rel=\"author\" itemprop=\"author\" class=\"author vcard\"><span class=\"fn\">Albert<\/span><\/strong>\n\t\t<time class=\"date published time\" datetime=\"2024-07-23T10:05:23+02:00\" itemprop=\"datePublished\" content=\"2024-07-23T10:05:23+02:00\">23\/07\/2024<\/time>\n\t\t<meta itemprop=\"dateModified\" class=\"date updated\" content=\"2024-10-14T11:39:45+02:00\">\n\t\t<span class=\"hide\" itemprop=\"publisher\" itemscope itemtype=\"https:\/\/schema.org\/Organization\">\n\t\t\t<meta itemprop=\"name\" content=\"SocialistesdMca\">\n\t\t\t<span itemprop=\"logo\" itemscope itemtype=\"https:\/\/schema.org\/ImageObject\">\n\t\t\t\t<meta itemprop=\"url\" content=\"https:\/\/www.psib-psoe.org\/mallorca\/wp-content\/themes\/notio-wp\/assets\/img\/logo.png\">\n\t\t\t<\/span>\n\t\t\t<meta itemprop=\"url\" content=\"https:\/\/www.psib-psoe.org\/mallorca\/\">\n\t\t<\/span>\n\t\t\t\t<span class=\"hide\" itemprop=\"image\" itemscope itemtype=\"http:\/\/schema.org\/ImageObject\">\n\t\t\t<meta itemprop=\"url\" content=\"https:\/\/www.psib-psoe.org\/mallorca\/wp-content\/uploads\/Llucmajor-PNL-centres-de-dia.jpeg\">\n\t\t\t<meta itemprop=\"width\" content=\"1600\">\n\t\t\t<meta itemprop=\"height\" content=\"1200\">\n\t\t<\/span>\n\t\t\t\t<meta itemscope itemprop=\"mainEntityOfPage\" itemtype=\"https:\/\/schema.org\/WebPage\" itemid=\"https:\/\/www.psib-psoe.org\/mallorca\/els-socialistes-exigeixen-millores-de-les-infraestructures-datencio-a-persones-majors-dependents-a-llucmajor\/\">\n\t<\/aside>\n\t\t<\/article>\n<\/div>\n<div class=\"small-12 large-4 columns\">\n\t<article itemscope itemtype=\"http:\/\/schema.org\/Article\" class=\"post blog-style7 alt post-28842 type-post status-publish format-standard has-post-thumbnail hentry category-consell-de-mallorca category-federacio-de-mallorca category-federacio-de-mallorca-portada category-municipis category-portada tag-catalina-cladera tag-federacio-socialista-de-mallorca tag-psib-psoe\" role=\"article\">\n\t\t<figure class=\"post-gallery\"><img loading=\"lazy\" decoding=\"async\" width=\"600\" height=\"400\" src=\"https:\/\/www.psib-psoe.org\/mallorca\/wp-content\/uploads\/WhatsApp-Image-2024-02-15-at-18.50.48-600x400.jpeg\" class=\"attachment-notio-general-x2 size-notio-general-x2 wp-post-image\" alt=\"\" srcset=\"https:\/\/www.psib-psoe.org\/mallorca\/wp-content\/uploads\/WhatsApp-Image-2024-02-15-at-18.50.48-600x400.jpeg 600w, https:\/\/www.psib-psoe.org\/mallorca\/wp-content\/uploads\/WhatsApp-Image-2024-02-15-at-18.50.48-300x200.jpeg 300w, https:\/\/www.psib-psoe.org\/mallorca\/wp-content\/uploads\/WhatsApp-Image-2024-02-15-at-18.50.48-900x600.jpeg 900w, https:\/\/www.psib-psoe.org\/mallorca\/wp-content\/uploads\/WhatsApp-Image-2024-02-15-at-18.50.48-20x13.jpeg 20w\" sizes=\"(max-width: 600px) 100vw, 600px\" \/><\/figure>\n\t\t<div class=\"blog-top\">\n\t\t\t<header class=\"post-title entry-header\">\n\t\t\t\t<aside class=\"post-meta cf\">\n\t\t19\/07\/2024 \/ <a href=\"https:\/\/www.psib-psoe.org\/mallorca\/category\/consell-de-mallorca\/\" rel=\"category tag\">Consell de Mallorca<\/a>, <a href=\"https:\/\/www.psib-psoe.org\/mallorca\/category\/federacio-de-mallorca\/\" rel=\"category tag\">Federaci\u00f3 de Mallorca<\/a>, <a href=\"https:\/\/www.psib-psoe.org\/mallorca\/category\/federacio-de-mallorca-portada\/\" rel=\"category tag\">Federaci\u00f3 de Mallorca - Portada<\/a>, <a href=\"https:\/\/www.psib-psoe.org\/mallorca\/category\/municipis\/\" rel=\"category tag\">Municipis<\/a>, <a href=\"https:\/\/www.psib-psoe.org\/mallorca\/category\/portada\/\" rel=\"category tag\">Portada<\/a><\/aside>\n\t\t\t\t<h3 itemprop=\"headline\"><a href=\"https:\/\/www.psib-psoe.org\/mallorca\/els-socialistes-de-mallorca-qualifiquen-dextraordinaria-noticia-que-ppvox-al-consell-executi-els-vials-civics-planificats-durant-la-passada-legislatura\/\" title=\"Els Socialistes de Mallorca qualifiquen \u201cd\u2019extraordin\u00e0ria not\u00edcia\u201d que PPVOX al Consell executi els vials c\u00edvics planificats durant la passada legislatura.\">Els Socialistes de Mallorca qualifiquen \u201cd\u2019extraordin\u00e0ria not\u00edcia\u201d que PPVOX al Consell executi els vials c\u00edvics planificats durant la passada legislatura.<\/a><\/h3>\n\t\t\t<\/header>\n\t\t<\/div>\n\t\t<div class=\"post-content\">\n\t\t\t<a href=\"https:\/\/www.psib-psoe.org\/mallorca\/els-socialistes-de-mallorca-qualifiquen-dextraordinaria-noticia-que-ppvox-al-consell-executi-els-vials-civics-planificats-durant-la-passada-legislatura\/\" class=\"more-link\">Read More<\/a>\n\t\t<\/div>\n\t\t\t<aside class=\"post-bottom-meta hide\">\n\t\t<strong rel=\"author\" itemprop=\"author\" class=\"author vcard\"><span class=\"fn\">Albert<\/span><\/strong>\n\t\t<time class=\"date published time\" datetime=\"2024-07-19T13:32:35+02:00\" itemprop=\"datePublished\" content=\"2024-07-19T13:32:35+02:00\">19\/07\/2024<\/time>\n\t\t<meta itemprop=\"dateModified\" class=\"date updated\" content=\"2024-10-14T11:39:45+02:00\">\n\t\t<span class=\"hide\" itemprop=\"publisher\" itemscope itemtype=\"https:\/\/schema.org\/Organization\">\n\t\t\t<meta itemprop=\"name\" content=\"SocialistesdMca\">\n\t\t\t<span itemprop=\"logo\" itemscope itemtype=\"https:\/\/schema.org\/ImageObject\">\n\t\t\t\t<meta itemprop=\"url\" content=\"https:\/\/www.psib-psoe.org\/mallorca\/wp-content\/themes\/notio-wp\/assets\/img\/logo.png\">\n\t\t\t<\/span>\n\t\t\t<meta itemprop=\"url\" content=\"https:\/\/www.psib-psoe.org\/mallorca\/\">\n\t\t<\/span>\n\t\t\t\t<span class=\"hide\" itemprop=\"image\" itemscope itemtype=\"http:\/\/schema.org\/ImageObject\">\n\t\t\t<meta itemprop=\"url\" content=\"https:\/\/www.psib-psoe.org\/mallorca\/wp-content\/uploads\/WhatsApp-Image-2024-02-15-at-18.50.48.jpeg\">\n\t\t\t<meta itemprop=\"width\" content=\"4032\">\n\t\t\t<meta itemprop=\"height\" content=\"3024\">\n\t\t<\/span>\n\t\t\t\t<meta itemscope itemprop=\"mainEntityOfPage\" itemtype=\"https:\/\/schema.org\/WebPage\" itemid=\"https:\/\/www.psib-psoe.org\/mallorca\/els-socialistes-de-mallorca-qualifiquen-dextraordinaria-noticia-que-ppvox-al-consell-executi-els-vials-civics-planificats-durant-la-passada-legislatura\/\">\n\t<\/aside>\n\t\t<\/article>\n<\/div>\n<div class=\"small-12 large-4 columns\">\n\t<article itemscope itemtype=\"http:\/\/schema.org\/Article\" class=\"post blog-style7 alt post-28827 type-post status-publish format-standard has-post-thumbnail hentry category-consell-de-mallorca category-federacio-de-mallorca category-federacio-de-mallorca-portada category-portada tag-catalina-cladera tag-federacio-socialista-de-mallorca tag-imas tag-psib-psoe tag-sofia-alonso\" role=\"article\">\n\t\t<figure class=\"post-gallery\"><img loading=\"lazy\" decoding=\"async\" width=\"600\" height=\"400\" src=\"https:\/\/www.psib-psoe.org\/mallorca\/wp-content\/uploads\/5-600x400.png\" class=\"attachment-notio-general-x2 size-notio-general-x2 wp-post-image\" alt=\"\" srcset=\"https:\/\/www.psib-psoe.org\/mallorca\/wp-content\/uploads\/5-600x400.png 600w, https:\/\/www.psib-psoe.org\/mallorca\/wp-content\/uploads\/5-300x200.png 300w, https:\/\/www.psib-psoe.org\/mallorca\/wp-content\/uploads\/5-900x600.png 900w, https:\/\/www.psib-psoe.org\/mallorca\/wp-content\/uploads\/5-20x13.png 20w\" sizes=\"(max-width: 600px) 100vw, 600px\" \/><\/figure>\n\t\t<div class=\"blog-top\">\n\t\t\t<header class=\"post-title entry-header\">\n\t\t\t\t<aside class=\"post-meta cf\">\n\t\t17\/07\/2024 \/ <a href=\"https:\/\/www.psib-psoe.org\/mallorca\/category\/consell-de-mallorca\/\" rel=\"category tag\">Consell de Mallorca<\/a>, <a href=\"https:\/\/www.psib-psoe.org\/mallorca\/category\/federacio-de-mallorca\/\" rel=\"category tag\">Federaci\u00f3 de Mallorca<\/a>, <a href=\"https:\/\/www.psib-psoe.org\/mallorca\/category\/federacio-de-mallorca-portada\/\" rel=\"category tag\">Federaci\u00f3 de Mallorca - Portada<\/a>, <a href=\"https:\/\/www.psib-psoe.org\/mallorca\/category\/portada\/\" rel=\"category tag\">Portada<\/a><\/aside>\n\t\t\t\t<h3 itemprop=\"headline\"><a href=\"https:\/\/www.psib-psoe.org\/mallorca\/el-consell-rector-de-limas-no-aborda-la-situacio-dels-centres-de-menors-no-acompanyats-que-gestiona-a-mallorca\/\" title=\"El Consell Rector de l\u2019IMAS no aborda la situaci\u00f3 dels centres de menors no acompanyats que gestiona a Mallorca\">El Consell Rector de l\u2019IMAS no aborda la situaci\u00f3 dels centres de menors no acompanyats que gestiona a Mallorca<\/a><\/h3>\n\t\t\t<\/header>\n\t\t<\/div>\n\t\t<div class=\"post-content\">\n\t\t\t<a href=\"https:\/\/www.psib-psoe.org\/mallorca\/el-consell-rector-de-limas-no-aborda-la-situacio-dels-centres-de-menors-no-acompanyats-que-gestiona-a-mallorca\/\" class=\"more-link\">Read More<\/a>\n\t\t<\/div>\n\t\t\t<aside class=\"post-bottom-meta hide\">\n\t\t<strong rel=\"author\" itemprop=\"author\" class=\"author vcard\"><span class=\"fn\">Albert<\/span><\/strong>\n\t\t<time class=\"date published time\" datetime=\"2024-07-17T15:12:20+02:00\" itemprop=\"datePublished\" content=\"2024-07-17T15:12:20+02:00\">17\/07\/2024<\/time>\n\t\t<meta itemprop=\"dateModified\" class=\"date updated\" content=\"2024-10-14T11:39:45+02:00\">\n\t\t<span class=\"hide\" itemprop=\"publisher\" itemscope itemtype=\"https:\/\/schema.org\/Organization\">\n\t\t\t<meta itemprop=\"name\" content=\"SocialistesdMca\">\n\t\t\t<span itemprop=\"logo\" itemscope itemtype=\"https:\/\/schema.org\/ImageObject\">\n\t\t\t\t<meta itemprop=\"url\" content=\"https:\/\/www.psib-psoe.org\/mallorca\/wp-content\/themes\/notio-wp\/assets\/img\/logo.png\">\n\t\t\t<\/span>\n\t\t\t<meta itemprop=\"url\" content=\"https:\/\/www.psib-psoe.org\/mallorca\/\">\n\t\t<\/span>\n\t\t\t\t<span class=\"hide\" itemprop=\"image\" itemscope itemtype=\"http:\/\/schema.org\/ImageObject\">\n\t\t\t<meta itemprop=\"url\" content=\"https:\/\/www.psib-psoe.org\/mallorca\/wp-content\/uploads\/5.png\">\n\t\t\t<meta itemprop=\"width\" content=\"1080\">\n\t\t\t<meta itemprop=\"height\" content=\"1080\">\n\t\t<\/span>\n\t\t\t\t<meta itemscope itemprop=\"mainEntityOfPage\" itemtype=\"https:\/\/schema.org\/WebPage\" itemid=\"https:\/\/www.psib-psoe.org\/mallorca\/el-consell-rector-de-limas-no-aborda-la-situacio-dels-centres-de-menors-no-acompanyats-que-gestiona-a-mallorca\/\">\n\t<\/aside>\n\t\t<\/article>\n<\/div>\n<div class=\"small-12 large-4 columns\">\n\t<article itemscope itemtype=\"http:\/\/schema.org\/Article\" class=\"post blog-style7 alt post-28824 type-post status-publish format-standard has-post-thumbnail hentry category-consell-de-mallorca category-federacio-de-mallorca category-federacio-de-mallorca-portada category-municipis category-portada tag-catalina-cladera tag-federacio-socialista-de-mallorca tag-imas tag-psib-psoe\" role=\"article\">\n\t\t<figure class=\"post-gallery\"><img loading=\"lazy\" decoding=\"async\" width=\"600\" height=\"400\" src=\"https:\/\/www.psib-psoe.org\/mallorca\/wp-content\/uploads\/040724-Catalina-Cladera-2-600x400.jpg\" class=\"attachment-notio-general-x2 size-notio-general-x2 wp-post-image\" alt=\"\" srcset=\"https:\/\/www.psib-psoe.org\/mallorca\/wp-content\/uploads\/040724-Catalina-Cladera-2-600x400.jpg 600w, https:\/\/www.psib-psoe.org\/mallorca\/wp-content\/uploads\/040724-Catalina-Cladera-2-300x200.jpg 300w, https:\/\/www.psib-psoe.org\/mallorca\/wp-content\/uploads\/040724-Catalina-Cladera-2-900x600.jpg 900w, https:\/\/www.psib-psoe.org\/mallorca\/wp-content\/uploads\/040724-Catalina-Cladera-2-20x13.jpg 20w\" sizes=\"(max-width: 600px) 100vw, 600px\" \/><\/figure>\n\t\t<div class=\"blog-top\">\n\t\t\t<header class=\"post-title entry-header\">\n\t\t\t\t<aside class=\"post-meta cf\">\n\t\t16\/07\/2024 \/ <a href=\"https:\/\/www.psib-psoe.org\/mallorca\/category\/consell-de-mallorca\/\" rel=\"category tag\">Consell de Mallorca<\/a>, <a href=\"https:\/\/www.psib-psoe.org\/mallorca\/category\/federacio-de-mallorca\/\" rel=\"category tag\">Federaci\u00f3 de Mallorca<\/a>, <a href=\"https:\/\/www.psib-psoe.org\/mallorca\/category\/federacio-de-mallorca-portada\/\" rel=\"category tag\">Federaci\u00f3 de Mallorca - Portada<\/a>, <a href=\"https:\/\/www.psib-psoe.org\/mallorca\/category\/municipis\/\" rel=\"category tag\">Municipis<\/a>, <a href=\"https:\/\/www.psib-psoe.org\/mallorca\/category\/portada\/\" rel=\"category tag\">Portada<\/a><\/aside>\n\t\t\t\t<h3 itemprop=\"headline\"><a href=\"https:\/\/www.psib-psoe.org\/mallorca\/cladera-el-consell-te-lobligacio-datendre-tots-els-menors-no-acompanyats-que-arriben-a-mallorca-exigim-que-galmes-rompi-amb-vox-que-defensa-tot-el-contrari\/\" title=\"Cladera: \u201cel Consell te l\u2019obligaci\u00f3 d\u2019atendre tots els menors no acompanyats que arriben a Mallorca. Exigim que Galm\u00e9s rompi amb Vox, que defensa tot el contrari\u201d.\">Cladera: \u201cel Consell te l\u2019obligaci\u00f3 d\u2019atendre tots els menors no acompanyats que arriben a Mallorca. Exigim que Galm\u00e9s rompi amb Vox, que defensa tot el contrari\u201d.<\/a><\/h3>\n\t\t\t<\/header>\n\t\t<\/div>\n\t\t<div class=\"post-content\">\n\t\t\t<a href=\"https:\/\/www.psib-psoe.org\/mallorca\/cladera-el-consell-te-lobligacio-datendre-tots-els-menors-no-acompanyats-que-arriben-a-mallorca-exigim-que-galmes-rompi-amb-vox-que-defensa-tot-el-contrari\/\" class=\"more-link\">Read More<\/a>\n\t\t<\/div>\n\t\t\t<aside class=\"post-bottom-meta hide\">\n\t\t<strong rel=\"author\" itemprop=\"author\" class=\"author vcard\"><span class=\"fn\">Albert<\/span><\/strong>\n\t\t<time class=\"date published time\" datetime=\"2024-07-16T15:16:50+02:00\" itemprop=\"datePublished\" content=\"2024-07-16T15:16:50+02:00\">16\/07\/2024<\/time>\n\t\t<meta itemprop=\"dateModified\" class=\"date updated\" content=\"2024-10-14T11:39:46+02:00\">\n\t\t<span class=\"hide\" itemprop=\"publisher\" itemscope itemtype=\"https:\/\/schema.org\/Organization\">\n\t\t\t<meta itemprop=\"name\" content=\"SocialistesdMca\">\n\t\t\t<span itemprop=\"logo\" itemscope itemtype=\"https:\/\/schema.org\/ImageObject\">\n\t\t\t\t<meta itemprop=\"url\" content=\"https:\/\/www.psib-psoe.org\/mallorca\/wp-content\/themes\/notio-wp\/assets\/img\/logo.png\">\n\t\t\t<\/span>\n\t\t\t<meta itemprop=\"url\" content=\"https:\/\/www.psib-psoe.org\/mallorca\/\">\n\t\t<\/span>\n\t\t\t\t<span class=\"hide\" itemprop=\"image\" itemscope itemtype=\"http:\/\/schema.org\/ImageObject\">\n\t\t\t<meta itemprop=\"url\" content=\"https:\/\/www.psib-psoe.org\/mallorca\/wp-content\/uploads\/040724-Catalina-Cladera-2.jpg\">\n\t\t\t<meta itemprop=\"width\" content=\"4032\">\n\t\t\t<meta itemprop=\"height\" content=\"3024\">\n\t\t<\/span>\n\t\t\t\t<meta itemscope itemprop=\"mainEntityOfPage\" itemtype=\"https:\/\/schema.org\/WebPage\" itemid=\"https:\/\/www.psib-psoe.org\/mallorca\/cladera-el-consell-te-lobligacio-datendre-tots-els-menors-no-acompanyats-que-arriben-a-mallorca-exigim-que-galmes-rompi-amb-vox-que-defensa-tot-el-contrari\/\">\n\t<\/aside>\n\t\t<\/article>\n<\/div>\n<div class=\"small-12 large-4 columns\">\n\t<article itemscope itemtype=\"http:\/\/schema.org\/Article\" class=\"post blog-style7 alt post-28813 type-post status-publish format-standard has-post-thumbnail hentry category-consell-de-mallorca category-federacio-de-mallorca category-federacio-de-mallorca-portada category-municipis category-portada tag-catalina-cladera tag-consell-de-mallorca tag-federacio-socialista-de-mallorca tag-psib-psoe\" role=\"article\">\n\t\t<figure class=\"post-gallery\"><img loading=\"lazy\" decoding=\"async\" width=\"600\" height=\"400\" src=\"https:\/\/www.psib-psoe.org\/mallorca\/wp-content\/uploads\/Rdp-fora-Vox-de-Mallorca-2-600x400.jpeg\" class=\"attachment-notio-general-x2 size-notio-general-x2 wp-post-image\" alt=\"\" srcset=\"https:\/\/www.psib-psoe.org\/mallorca\/wp-content\/uploads\/Rdp-fora-Vox-de-Mallorca-2-600x400.jpeg 600w, https:\/\/www.psib-psoe.org\/mallorca\/wp-content\/uploads\/Rdp-fora-Vox-de-Mallorca-2-300x200.jpeg 300w, https:\/\/www.psib-psoe.org\/mallorca\/wp-content\/uploads\/Rdp-fora-Vox-de-Mallorca-2-900x600.jpeg 900w, https:\/\/www.psib-psoe.org\/mallorca\/wp-content\/uploads\/Rdp-fora-Vox-de-Mallorca-2-20x13.jpeg 20w\" sizes=\"(max-width: 600px) 100vw, 600px\" \/><\/figure>\n\t\t<div class=\"blog-top\">\n\t\t\t<header class=\"post-title entry-header\">\n\t\t\t\t<aside class=\"post-meta cf\">\n\t\t15\/07\/2024 \/ <a href=\"https:\/\/www.psib-psoe.org\/mallorca\/category\/consell-de-mallorca\/\" rel=\"category tag\">Consell de Mallorca<\/a>, <a href=\"https:\/\/www.psib-psoe.org\/mallorca\/category\/federacio-de-mallorca\/\" rel=\"category tag\">Federaci\u00f3 de Mallorca<\/a>, <a href=\"https:\/\/www.psib-psoe.org\/mallorca\/category\/federacio-de-mallorca-portada\/\" rel=\"category tag\">Federaci\u00f3 de Mallorca - Portada<\/a>, <a href=\"https:\/\/www.psib-psoe.org\/mallorca\/category\/municipis\/\" rel=\"category tag\">Municipis<\/a>, <a href=\"https:\/\/www.psib-psoe.org\/mallorca\/category\/portada\/\" rel=\"category tag\">Portada<\/a><\/aside>\n\t\t\t\t<h3 itemprop=\"headline\"><a href=\"https:\/\/www.psib-psoe.org\/mallorca\/cladera-exigim-que-galmes-faci-fora-vox-del-govern-dell-consell-de-mallorca-i-als-ajuntaments-de-calvia-llucmajor-alcudia-marratxi-i-palma-despres-que-prohens-ja-ha-romput-el-pacte-amb-l\/\" title=\"Cladera: \u201cExigim que Galm\u00e9s faci fora Vox del govern dell Consell de Mallorca i als ajuntaments de Calvi\u00e0, Llucmajor, Alc\u00fadia, Marratx\u00ed i Palma, despr\u00e9s que Prohens ja ha romput el pacte amb la ultradreta\u201d\">Cladera: \u201cExigim que Galm\u00e9s faci fora Vox del govern dell Consell de Mallorca i als ajuntaments de Calvi\u00e0, Llucmajor, Alc\u00fadia, Marratx\u00ed i Palma, despr\u00e9s que Prohens ja ha romput el pacte amb la ultradreta\u201d<\/a><\/h3>\n\t\t\t<\/header>\n\t\t<\/div>\n\t\t<div class=\"post-content\">\n\t\t\t<a href=\"https:\/\/www.psib-psoe.org\/mallorca\/cladera-exigim-que-galmes-faci-fora-vox-del-govern-dell-consell-de-mallorca-i-als-ajuntaments-de-calvia-llucmajor-alcudia-marratxi-i-palma-despres-que-prohens-ja-ha-romput-el-pacte-amb-l\/\" class=\"more-link\">Read More<\/a>\n\t\t<\/div>\n\t\t\t<aside class=\"post-bottom-meta hide\">\n\t\t<strong rel=\"author\" itemprop=\"author\" class=\"author vcard\"><span class=\"fn\">Albert<\/span><\/strong>\n\t\t<time class=\"date published time\" datetime=\"2024-07-15T13:28:34+02:00\" itemprop=\"datePublished\" content=\"2024-07-15T13:28:34+02:00\">15\/07\/2024<\/time>\n\t\t<meta itemprop=\"dateModified\" class=\"date updated\" content=\"2024-10-14T11:39:46+02:00\">\n\t\t<span class=\"hide\" itemprop=\"publisher\" itemscope itemtype=\"https:\/\/schema.org\/Organization\">\n\t\t\t<meta itemprop=\"name\" content=\"SocialistesdMca\">\n\t\t\t<span itemprop=\"logo\" itemscope itemtype=\"https:\/\/schema.org\/ImageObject\">\n\t\t\t\t<meta itemprop=\"url\" content=\"https:\/\/www.psib-psoe.org\/mallorca\/wp-content\/themes\/notio-wp\/assets\/img\/logo.png\">\n\t\t\t<\/span>\n\t\t\t<meta itemprop=\"url\" content=\"https:\/\/www.psib-psoe.org\/mallorca\/\">\n\t\t<\/span>\n\t\t\t\t<span class=\"hide\" itemprop=\"image\" itemscope itemtype=\"http:\/\/schema.org\/ImageObject\">\n\t\t\t<meta itemprop=\"url\" content=\"https:\/\/www.psib-psoe.org\/mallorca\/wp-content\/uploads\/Rdp-fora-Vox-de-Mallorca-2.jpeg\">\n\t\t\t<meta itemprop=\"width\" content=\"2560\">\n\t\t\t<meta itemprop=\"height\" content=\"1920\">\n\t\t<\/span>\n\t\t\t\t<meta itemscope itemprop=\"mainEntityOfPage\" itemtype=\"https:\/\/schema.org\/WebPage\" itemid=\"https:\/\/www.psib-psoe.org\/mallorca\/cladera-exigim-que-galmes-faci-fora-vox-del-govern-dell-consell-de-mallorca-i-als-ajuntaments-de-calvia-llucmajor-alcudia-marratxi-i-palma-despres-que-prohens-ja-ha-romput-el-pacte-amb-l\/\">\n\t<\/aside>\n\t\t<\/article>\n<\/div>\n<div class=\"small-12 large-4 columns\">\n\t<article itemscope itemtype=\"http:\/\/schema.org\/Article\" class=\"post blog-style7 alt post-28804 type-post status-publish format-standard has-post-thumbnail hentry category-consell-de-mallorca category-federacio-de-mallorca category-federacio-de-mallorca-portada category-municipis category-portada tag-catalina-cladera tag-consell-de-mallorca tag-federacio-socialista-de-mallorca tag-psib-psoe tag-sofia-alonso\" role=\"article\">\n\t\t<figure class=\"post-gallery\"><img loading=\"lazy\" decoding=\"async\" width=\"600\" height=\"400\" src=\"https:\/\/www.psib-psoe.org\/mallorca\/wp-content\/uploads\/040724-Catalina-Cladera-1-600x400.jpg\" class=\"attachment-notio-general-x2 size-notio-general-x2 wp-post-image\" alt=\"\" srcset=\"https:\/\/www.psib-psoe.org\/mallorca\/wp-content\/uploads\/040724-Catalina-Cladera-1-600x400.jpg 600w, https:\/\/www.psib-psoe.org\/mallorca\/wp-content\/uploads\/040724-Catalina-Cladera-1-300x200.jpg 300w, https:\/\/www.psib-psoe.org\/mallorca\/wp-content\/uploads\/040724-Catalina-Cladera-1-900x600.jpg 900w, https:\/\/www.psib-psoe.org\/mallorca\/wp-content\/uploads\/040724-Catalina-Cladera-1-20x13.jpg 20w\" sizes=\"(max-width: 600px) 100vw, 600px\" \/><\/figure>\n\t\t<div class=\"blog-top\">\n\t\t\t<header class=\"post-title entry-header\">\n\t\t\t\t<aside class=\"post-meta cf\">\n\t\t13\/07\/2024 \/ <a href=\"https:\/\/www.psib-psoe.org\/mallorca\/category\/consell-de-mallorca\/\" rel=\"category tag\">Consell de Mallorca<\/a>, <a href=\"https:\/\/www.psib-psoe.org\/mallorca\/category\/federacio-de-mallorca\/\" rel=\"category tag\">Federaci\u00f3 de Mallorca<\/a>, <a href=\"https:\/\/www.psib-psoe.org\/mallorca\/category\/federacio-de-mallorca-portada\/\" rel=\"category tag\">Federaci\u00f3 de Mallorca - Portada<\/a>, <a href=\"https:\/\/www.psib-psoe.org\/mallorca\/category\/municipis\/\" rel=\"category tag\">Municipis<\/a>, <a href=\"https:\/\/www.psib-psoe.org\/mallorca\/category\/portada\/\" rel=\"category tag\">Portada<\/a><\/aside>\n\t\t\t\t<h3 itemprop=\"headline\"><a href=\"https:\/\/www.psib-psoe.org\/mallorca\/lacollida-de-limas-dels-34-nous-menors-no-acompanyats-arribats-a-mallorca-demostra-la-incompatibilitat-de-la-presencia-de-vox-en-el-govern-del-consell\/\" title=\"L\u2019acollida de l\u2019IMAS a 34 nous menors no acompanyats arribats a Mallorca demostra la incompatibilitat de la pres\u00e8ncia de VOX en el govern del Consell.\">L\u2019acollida de l\u2019IMAS a 34 nous menors no acompanyats arribats a Mallorca demostra la incompatibilitat de la pres\u00e8ncia de VOX en el govern del Consell.<\/a><\/h3>\n\t\t\t<\/header>\n\t\t<\/div>\n\t\t<div class=\"post-content\">\n\t\t\t<a href=\"https:\/\/www.psib-psoe.org\/mallorca\/lacollida-de-limas-dels-34-nous-menors-no-acompanyats-arribats-a-mallorca-demostra-la-incompatibilitat-de-la-presencia-de-vox-en-el-govern-del-consell\/\" class=\"more-link\">Read More<\/a>\n\t\t<\/div>\n\t\t\t<aside class=\"post-bottom-meta hide\">\n\t\t<strong rel=\"author\" itemprop=\"author\" class=\"author vcard\"><span class=\"fn\">Albert<\/span><\/strong>\n\t\t<time class=\"date published time\" datetime=\"2024-07-13T12:01:01+02:00\" itemprop=\"datePublished\" content=\"2024-07-13T12:01:01+02:00\">13\/07\/2024<\/time>\n\t\t<meta itemprop=\"dateModified\" class=\"date updated\" content=\"2024-10-14T11:39:46+02:00\">\n\t\t<span class=\"hide\" itemprop=\"publisher\" itemscope itemtype=\"https:\/\/schema.org\/Organization\">\n\t\t\t<meta itemprop=\"name\" content=\"SocialistesdMca\">\n\t\t\t<span itemprop=\"logo\" itemscope itemtype=\"https:\/\/schema.org\/ImageObject\">\n\t\t\t\t<meta itemprop=\"url\" content=\"https:\/\/www.psib-psoe.org\/mallorca\/wp-content\/themes\/notio-wp\/assets\/img\/logo.png\">\n\t\t\t<\/span>\n\t\t\t<meta itemprop=\"url\" content=\"https:\/\/www.psib-psoe.org\/mallorca\/\">\n\t\t<\/span>\n\t\t\t\t<span class=\"hide\" itemprop=\"image\" itemscope itemtype=\"http:\/\/schema.org\/ImageObject\">\n\t\t\t<meta itemprop=\"url\" content=\"https:\/\/www.psib-psoe.org\/mallorca\/wp-content\/uploads\/040724-Catalina-Cladera-1.jpg\">\n\t\t\t<meta itemprop=\"width\" content=\"5712\">\n\t\t\t<meta itemprop=\"height\" content=\"4284\">\n\t\t<\/span>\n\t\t\t\t<meta itemscope itemprop=\"mainEntityOfPage\" itemtype=\"https:\/\/schema.org\/WebPage\" itemid=\"https:\/\/www.psib-psoe.org\/mallorca\/lacollida-de-limas-dels-34-nous-menors-no-acompanyats-arribats-a-mallorca-demostra-la-incompatibilitat-de-la-presencia-de-vox-en-el-govern-del-consell\/\">\n\t<\/aside>\n\t\t<\/article>\n<\/div>\n<div class=\"small-12 large-4 columns\">\n\t<article itemscope itemtype=\"http:\/\/schema.org\/Article\" class=\"post blog-style7 alt post-28807 type-post status-publish format-standard has-post-thumbnail hentry category-federacio-de-mallorca tag-federacio-socialista-de-mallorca\" role=\"article\">\n\t\t<figure class=\"post-gallery\"><img loading=\"lazy\" decoding=\"async\" width=\"600\" height=\"400\" src=\"https:\/\/www.psib-psoe.org\/mallorca\/wp-content\/uploads\/WhatsApp-Image-2024-07-12-at-22.31.59-600x400.jpeg\" class=\"attachment-notio-general-x2 size-notio-general-x2 wp-post-image\" alt=\"\" srcset=\"https:\/\/www.psib-psoe.org\/mallorca\/wp-content\/uploads\/WhatsApp-Image-2024-07-12-at-22.31.59-600x400.jpeg 600w, https:\/\/www.psib-psoe.org\/mallorca\/wp-content\/uploads\/WhatsApp-Image-2024-07-12-at-22.31.59-300x200.jpeg 300w, https:\/\/www.psib-psoe.org\/mallorca\/wp-content\/uploads\/WhatsApp-Image-2024-07-12-at-22.31.59-768x512.jpeg 768w, https:\/\/www.psib-psoe.org\/mallorca\/wp-content\/uploads\/WhatsApp-Image-2024-07-12-at-22.31.59-1024x682.jpeg 1024w, https:\/\/www.psib-psoe.org\/mallorca\/wp-content\/uploads\/WhatsApp-Image-2024-07-12-at-22.31.59-150x100.jpeg 150w, https:\/\/www.psib-psoe.org\/mallorca\/wp-content\/uploads\/WhatsApp-Image-2024-07-12-at-22.31.59-900x600.jpeg 900w, https:\/\/www.psib-psoe.org\/mallorca\/wp-content\/uploads\/WhatsApp-Image-2024-07-12-at-22.31.59-20x13.jpeg 20w, https:\/\/www.psib-psoe.org\/mallorca\/wp-content\/uploads\/WhatsApp-Image-2024-07-12-at-22.31.59.jpeg 1600w\" sizes=\"(max-width: 600px) 100vw, 600px\" \/><\/figure>\n\t\t<div class=\"blog-top\">\n\t\t\t<header class=\"post-title entry-header\">\n\t\t\t\t<aside class=\"post-meta cf\">\n\t\t13\/07\/2024 \/ <a href=\"https:\/\/www.psib-psoe.org\/mallorca\/category\/federacio-de-mallorca\/\" rel=\"category tag\">Federaci\u00f3 de Mallorca<\/a><\/aside>\n\t\t\t\t<h3 itemprop=\"headline\"><a href=\"https:\/\/www.psib-psoe.org\/mallorca\/el-psib-exigeix-prohens-i-galmes-que-acabin-immediatament-amb-tots-els-pactes-ppvox-a-balears-i-facin-fora-le-senne-del-parlament\/\" title=\"El PSIB exigeix Prohens i Galm\u00e9s que acabin immediatament amb tots els pactes PPVOX a Balears i facin fora Le Senne del Parlament\">El PSIB exigeix Prohens i Galm\u00e9s que acabin immediatament amb tots els pactes PPVOX a Balears i facin fora Le Senne del Parlament<\/a><\/h3>\n\t\t\t<\/header>\n\t\t<\/div>\n\t\t<div class=\"post-content\">\n\t\t\t<a href=\"https:\/\/www.psib-psoe.org\/mallorca\/el-psib-exigeix-prohens-i-galmes-que-acabin-immediatament-amb-tots-els-pactes-ppvox-a-balears-i-facin-fora-le-senne-del-parlament\/\" class=\"more-link\">Read More<\/a>\n\t\t<\/div>\n\t\t\t<aside class=\"post-bottom-meta hide\">\n\t\t<strong rel=\"author\" itemprop=\"author\" class=\"author vcard\"><span class=\"fn\">adminpsib<\/span><\/strong>\n\t\t<time class=\"date published time\" datetime=\"2024-07-13T11:46:04+02:00\" itemprop=\"datePublished\" content=\"2024-07-13T11:46:04+02:00\">13\/07\/2024<\/time>\n\t\t<meta itemprop=\"dateModified\" class=\"date updated\" content=\"2024-10-14T11:39:46+02:00\">\n\t\t<span class=\"hide\" itemprop=\"publisher\" itemscope itemtype=\"https:\/\/schema.org\/Organization\">\n\t\t\t<meta itemprop=\"name\" content=\"SocialistesdMca\">\n\t\t\t<span itemprop=\"logo\" itemscope itemtype=\"https:\/\/schema.org\/ImageObject\">\n\t\t\t\t<meta itemprop=\"url\" content=\"https:\/\/www.psib-psoe.org\/mallorca\/wp-content\/themes\/notio-wp\/assets\/img\/logo.png\">\n\t\t\t<\/span>\n\t\t\t<meta itemprop=\"url\" content=\"https:\/\/www.psib-psoe.org\/mallorca\/\">\n\t\t<\/span>\n\t\t\t\t<span class=\"hide\" itemprop=\"image\" itemscope itemtype=\"http:\/\/schema.org\/ImageObject\">\n\t\t\t<meta itemprop=\"url\" content=\"https:\/\/www.psib-psoe.org\/mallorca\/wp-content\/uploads\/WhatsApp-Image-2024-07-12-at-22.31.59.jpeg\">\n\t\t\t<meta itemprop=\"width\" content=\"1600\">\n\t\t\t<meta itemprop=\"height\" content=\"1066\">\n\t\t<\/span>\n\t\t\t\t<meta itemscope itemprop=\"mainEntityOfPage\" itemtype=\"https:\/\/schema.org\/WebPage\" itemid=\"https:\/\/www.psib-psoe.org\/mallorca\/el-psib-exigeix-prohens-i-galmes-que-acabin-immediatament-amb-tots-els-pactes-ppvox-a-balears-i-facin-fora-le-senne-del-parlament\/\">\n\t<\/aside>\n\t\t<\/article>\n<\/div>\n<div class=\"small-12 large-4 columns\">\n\t<article itemscope itemtype=\"http:\/\/schema.org\/Article\" class=\"post blog-style7 alt post-28805 type-post status-publish format-standard has-post-thumbnail hentry category-federacio-de-mallorca tag-federacio-socialista-de-mallorca\" role=\"article\">\n\t\t<figure class=\"post-gallery\"><img loading=\"lazy\" decoding=\"async\" width=\"600\" height=\"400\" src=\"https:\/\/www.psib-psoe.org\/mallorca\/wp-content\/uploads\/Foto-1-1-1-600x400.jpeg\" class=\"attachment-notio-general-x2 size-notio-general-x2 wp-post-image\" alt=\"\" srcset=\"https:\/\/www.psib-psoe.org\/mallorca\/wp-content\/uploads\/Foto-1-1-1-600x400.jpeg 600w, https:\/\/www.psib-psoe.org\/mallorca\/wp-content\/uploads\/Foto-1-1-1-300x200.jpeg 300w, https:\/\/www.psib-psoe.org\/mallorca\/wp-content\/uploads\/Foto-1-1-1-768x512.jpeg 768w, https:\/\/www.psib-psoe.org\/mallorca\/wp-content\/uploads\/Foto-1-1-1-1024x683.jpeg 1024w, https:\/\/www.psib-psoe.org\/mallorca\/wp-content\/uploads\/Foto-1-1-1-150x100.jpeg 150w, https:\/\/www.psib-psoe.org\/mallorca\/wp-content\/uploads\/Foto-1-1-1-900x600.jpeg 900w, https:\/\/www.psib-psoe.org\/mallorca\/wp-content\/uploads\/Foto-1-1-1-20x13.jpeg 20w, https:\/\/www.psib-psoe.org\/mallorca\/wp-content\/uploads\/Foto-1-1-1.jpeg 1600w\" sizes=\"(max-width: 600px) 100vw, 600px\" \/><\/figure>\n\t\t<div class=\"blog-top\">\n\t\t\t<header class=\"post-title entry-header\">\n\t\t\t\t<aside class=\"post-meta cf\">\n\t\t13\/07\/2024 \/ <a href=\"https:\/\/www.psib-psoe.org\/mallorca\/category\/federacio-de-mallorca\/\" rel=\"category tag\">Federaci\u00f3 de Mallorca<\/a><\/aside>\n\t\t\t\t<h3 itemprop=\"headline\"><a href=\"https:\/\/www.psib-psoe.org\/mallorca\/armengol-i-cladera-constaten-el-fracas-absolut-dels-pactes-ppvox-i-exigeixen-prohens-que-rectifiqui-totes-les-politiques-regressives-posades-en-marxa-en-el-darrer-any-a-balears\/\" title=\"Armengol i Cladera constaten el frac\u00e0s absolut dels pactes PPVOX i exigeixen Prohens que rectifiqui totes les pol\u00edtiques regressives posades en marxa en el darrer any a Balears\">Armengol i Cladera constaten el frac\u00e0s absolut dels pactes PPVOX i exigeixen Prohens que rectifiqui totes les pol\u00edtiques regressives posades en marxa en el darrer any a Balears<\/a><\/h3>\n\t\t\t<\/header>\n\t\t<\/div>\n\t\t<div class=\"post-content\">\n\t\t\t<a href=\"https:\/\/www.psib-psoe.org\/mallorca\/armengol-i-cladera-constaten-el-fracas-absolut-dels-pactes-ppvox-i-exigeixen-prohens-que-rectifiqui-totes-les-politiques-regressives-posades-en-marxa-en-el-darrer-any-a-balears\/\" class=\"more-link\">Read More<\/a>\n\t\t<\/div>\n\t\t\t<aside class=\"post-bottom-meta hide\">\n\t\t<strong rel=\"author\" itemprop=\"author\" class=\"author vcard\"><span class=\"fn\">adminpsib<\/span><\/strong>\n\t\t<time class=\"date published time\" datetime=\"2024-07-13T11:24:49+02:00\" itemprop=\"datePublished\" content=\"2024-07-13T11:24:49+02:00\">13\/07\/2024<\/time>\n\t\t<meta itemprop=\"dateModified\" class=\"date updated\" content=\"2024-10-14T11:39:46+02:00\">\n\t\t<span class=\"hide\" itemprop=\"publisher\" itemscope itemtype=\"https:\/\/schema.org\/Organization\">\n\t\t\t<meta itemprop=\"name\" content=\"SocialistesdMca\">\n\t\t\t<span itemprop=\"logo\" itemscope itemtype=\"https:\/\/schema.org\/ImageObject\">\n\t\t\t\t<meta itemprop=\"url\" content=\"https:\/\/www.psib-psoe.org\/mallorca\/wp-content\/themes\/notio-wp\/assets\/img\/logo.png\">\n\t\t\t<\/span>\n\t\t\t<meta itemprop=\"url\" content=\"https:\/\/www.psib-psoe.org\/mallorca\/\">\n\t\t<\/span>\n\t\t\t\t<span class=\"hide\" itemprop=\"image\" itemscope itemtype=\"http:\/\/schema.org\/ImageObject\">\n\t\t\t<meta itemprop=\"url\" content=\"https:\/\/www.psib-psoe.org\/mallorca\/wp-content\/uploads\/Foto-1-1-1.jpeg\">\n\t\t\t<meta itemprop=\"width\" content=\"1600\">\n\t\t\t<meta itemprop=\"height\" content=\"1067\">\n\t\t<\/span>\n\t\t\t\t<meta itemscope itemprop=\"mainEntityOfPage\" itemtype=\"https:\/\/schema.org\/WebPage\" itemid=\"https:\/\/www.psib-psoe.org\/mallorca\/armengol-i-cladera-constaten-el-fracas-absolut-dels-pactes-ppvox-i-exigeixen-prohens-que-rectifiqui-totes-les-politiques-regressives-posades-en-marxa-en-el-darrer-any-a-balears\/\">\n\t<\/aside>\n\t\t<\/article>\n<\/div>\n<div class=\"small-12 large-4 columns\">\n\t<article itemscope itemtype=\"http:\/\/schema.org\/Article\" class=\"post blog-style7 alt post-28801 type-post status-publish format-standard has-post-thumbnail hentry category-consell-de-mallorca category-federacio-de-mallorca category-federacio-de-mallorca-portada category-municipis category-portada tag-agrupacio-socialista-dalcudia tag-agrupacio-socialista-de-llucmajor tag-agrupacio-socialista-marratxi tag-agrupacio-socialsita-de-calvia tag-antonia-sastre tag-barbara-rebassa tag-catalina-cladera tag-consell-de-mallorca tag-federacio-socialista-de-mallorca tag-jaume-j-oliver tag-javier-de-juan tag-miquel-cabot tag-nati-frances tag-psib-psoe\" role=\"article\">\n\t\t<figure class=\"post-gallery\"><img loading=\"lazy\" decoding=\"async\" width=\"600\" height=\"400\" src=\"https:\/\/www.psib-psoe.org\/mallorca\/wp-content\/uploads\/081122-Presentaci\u00f3-Natalia-Troya-1-1024x682-2-600x400.jpeg\" class=\"attachment-notio-general-x2 size-notio-general-x2 wp-post-image\" alt=\"\" srcset=\"https:\/\/www.psib-psoe.org\/mallorca\/wp-content\/uploads\/081122-Presentaci\u00f3-Natalia-Troya-1-1024x682-2-600x400.jpeg 600w, https:\/\/www.psib-psoe.org\/mallorca\/wp-content\/uploads\/081122-Presentaci\u00f3-Natalia-Troya-1-1024x682-2-300x200.jpeg 300w, https:\/\/www.psib-psoe.org\/mallorca\/wp-content\/uploads\/081122-Presentaci\u00f3-Natalia-Troya-1-1024x682-2-768x512.jpeg 768w, https:\/\/www.psib-psoe.org\/mallorca\/wp-content\/uploads\/081122-Presentaci\u00f3-Natalia-Troya-1-1024x682-2.jpeg 1024w, https:\/\/www.psib-psoe.org\/mallorca\/wp-content\/uploads\/081122-Presentaci\u00f3-Natalia-Troya-1-1024x682-2-150x100.jpeg 150w, https:\/\/www.psib-psoe.org\/mallorca\/wp-content\/uploads\/081122-Presentaci\u00f3-Natalia-Troya-1-1024x682-2-900x600.jpeg 900w, https:\/\/www.psib-psoe.org\/mallorca\/wp-content\/uploads\/081122-Presentaci\u00f3-Natalia-Troya-1-1024x682-2-20x13.jpeg 20w\" sizes=\"(max-width: 600px) 100vw, 600px\" \/><\/figure>\n\t\t<div class=\"blog-top\">\n\t\t\t<header class=\"post-title entry-header\">\n\t\t\t\t<aside class=\"post-meta cf\">\n\t\t12\/07\/2024 \/ <a href=\"https:\/\/www.psib-psoe.org\/mallorca\/category\/consell-de-mallorca\/\" rel=\"category tag\">Consell de Mallorca<\/a>, <a href=\"https:\/\/www.psib-psoe.org\/mallorca\/category\/federacio-de-mallorca\/\" rel=\"category tag\">Federaci\u00f3 de Mallorca<\/a>, <a href=\"https:\/\/www.psib-psoe.org\/mallorca\/category\/federacio-de-mallorca-portada\/\" rel=\"category tag\">Federaci\u00f3 de Mallorca - Portada<\/a>, <a href=\"https:\/\/www.psib-psoe.org\/mallorca\/category\/municipis\/\" rel=\"category tag\">Municipis<\/a>, <a href=\"https:\/\/www.psib-psoe.org\/mallorca\/category\/portada\/\" rel=\"category tag\">Portada<\/a><\/aside>\n\t\t\t\t<h3 itemprop=\"headline\"><a href=\"https:\/\/www.psib-psoe.org\/mallorca\/catalina-cladera-exigeix-al-pp-que-rompi-immediatament-tots-els-pactes-que-mante-amb-vox-al-consell-de-mallorca-i-a-diferents-ajuntaments-de-lilla\/\" title=\"Catalina Cladera exigeix al PP que rompi immediatament tots els pactes que mant\u00e9 amb Vox al Consell de Mallorca i a diferents ajuntaments de l\u2019illa.\">Catalina Cladera exigeix al PP que rompi immediatament tots els pactes que mant\u00e9 amb Vox al Consell de Mallorca i a diferents ajuntaments de l\u2019illa.<\/a><\/h3>\n\t\t\t<\/header>\n\t\t<\/div>\n\t\t<div class=\"post-content\">\n\t\t\t<a href=\"https:\/\/www.psib-psoe.org\/mallorca\/catalina-cladera-exigeix-al-pp-que-rompi-immediatament-tots-els-pactes-que-mante-amb-vox-al-consell-de-mallorca-i-a-diferents-ajuntaments-de-lilla\/\" class=\"more-link\">Read More<\/a>\n\t\t<\/div>\n\t\t\t<aside class=\"post-bottom-meta hide\">\n\t\t<strong rel=\"author\" itemprop=\"author\" class=\"author vcard\"><span class=\"fn\">Albert<\/span><\/strong>\n\t\t<time class=\"date published time\" datetime=\"2024-07-12T15:18:53+02:00\" itemprop=\"datePublished\" content=\"2024-07-12T15:18:53+02:00\">12\/07\/2024<\/time>\n\t\t<meta itemprop=\"dateModified\" class=\"date updated\" content=\"2024-10-14T11:39:46+02:00\">\n\t\t<span class=\"hide\" itemprop=\"publisher\" itemscope itemtype=\"https:\/\/schema.org\/Organization\">\n\t\t\t<meta itemprop=\"name\" content=\"SocialistesdMca\">\n\t\t\t<span itemprop=\"logo\" itemscope itemtype=\"https:\/\/schema.org\/ImageObject\">\n\t\t\t\t<meta itemprop=\"url\" content=\"https:\/\/www.psib-psoe.org\/mallorca\/wp-content\/themes\/notio-wp\/assets\/img\/logo.png\">\n\t\t\t<\/span>\n\t\t\t<meta itemprop=\"url\" content=\"https:\/\/www.psib-psoe.org\/mallorca\/\">\n\t\t<\/span>\n\t\t\t\t<span class=\"hide\" itemprop=\"image\" itemscope itemtype=\"http:\/\/schema.org\/ImageObject\">\n\t\t\t<meta itemprop=\"url\" content=\"https:\/\/www.psib-psoe.org\/mallorca\/wp-content\/uploads\/081122-Presentaci\u00f3-Natalia-Troya-1-1024x682-2.jpeg\">\n\t\t\t<meta itemprop=\"width\" content=\"1024\">\n\t\t\t<meta itemprop=\"height\" content=\"682\">\n\t\t<\/span>\n\t\t\t\t<meta itemscope itemprop=\"mainEntityOfPage\" itemtype=\"https:\/\/schema.org\/WebPage\" itemid=\"https:\/\/www.psib-psoe.org\/mallorca\/catalina-cladera-exigeix-al-pp-que-rompi-immediatament-tots-els-pactes-que-mante-amb-vox-al-consell-de-mallorca-i-a-diferents-ajuntaments-de-lilla\/\">\n\t<\/aside>\n\t\t<\/article>\n<\/div>\n<div class=\"small-12 large-4 columns\">\n\t<article itemscope itemtype=\"http:\/\/schema.org\/Article\" class=\"post blog-style7 alt post-28798 type-post status-publish format-standard has-post-thumbnail hentry category-federacio-de-mallorca category-federacio-de-mallorca-portada category-municipis category-portada tag-agrupacio-socialista-de-lloret tag-antonia-sastre tag-catalina-cladera tag-federacio-socialista-de-mallorca tag-javier-de-juan tag-psib-psoe tag-sofia-alonso tag-xisco-arrom\" role=\"article\">\n\t\t<figure class=\"post-gallery\"><img loading=\"lazy\" decoding=\"async\" width=\"600\" height=\"400\" src=\"https:\/\/www.psib-psoe.org\/mallorca\/wp-content\/uploads\/Pacte-Lloret-600x400.jpg\" class=\"attachment-notio-general-x2 size-notio-general-x2 wp-post-image\" alt=\"\" srcset=\"https:\/\/www.psib-psoe.org\/mallorca\/wp-content\/uploads\/Pacte-Lloret-600x400.jpg 600w, https:\/\/www.psib-psoe.org\/mallorca\/wp-content\/uploads\/Pacte-Lloret-300x200.jpg 300w, https:\/\/www.psib-psoe.org\/mallorca\/wp-content\/uploads\/Pacte-Lloret-900x600.jpg 900w, https:\/\/www.psib-psoe.org\/mallorca\/wp-content\/uploads\/Pacte-Lloret-20x13.jpg 20w\" sizes=\"(max-width: 600px) 100vw, 600px\" \/><\/figure>\n\t\t<div class=\"blog-top\">\n\t\t\t<header class=\"post-title entry-header\">\n\t\t\t\t<aside class=\"post-meta cf\">\n\t\t12\/07\/2024 \/ <a href=\"https:\/\/www.psib-psoe.org\/mallorca\/category\/federacio-de-mallorca\/\" rel=\"category tag\">Federaci\u00f3 de Mallorca<\/a>, <a href=\"https:\/\/www.psib-psoe.org\/mallorca\/category\/federacio-de-mallorca-portada\/\" rel=\"category tag\">Federaci\u00f3 de Mallorca - Portada<\/a>, <a href=\"https:\/\/www.psib-psoe.org\/mallorca\/category\/municipis\/\" rel=\"category tag\">Municipis<\/a>, <a href=\"https:\/\/www.psib-psoe.org\/mallorca\/category\/portada\/\" rel=\"category tag\">Portada<\/a><\/aside>\n\t\t\t\t<h3 itemprop=\"headline\"><a href=\"https:\/\/www.psib-psoe.org\/mallorca\/xisco-arrom-i-sofia-alonso-sincorporen-a-lequip-de-govern-de-lloret-de-vistalegre-com-a-regidors-desport-i-de-serveis-socials-i-sanitat-respectivament\/\" title=\"Xisco Arrom i Sofia Alonso s\u2019incorporen a l\u2019equip de govern de Lloret de Vistalegre com a regidors d\u2019Esport, i de Serveis Socials i Sanitat, respectivament.\">Xisco Arrom i Sofia Alonso s\u2019incorporen a l\u2019equip de govern de Lloret de Vistalegre com a regidors d\u2019Esport, i de Serveis Socials i Sanitat, respectivament.<\/a><\/h3>\n\t\t\t<\/header>\n\t\t<\/div>\n\t\t<div class=\"post-content\">\n\t\t\t<a href=\"https:\/\/www.psib-psoe.org\/mallorca\/xisco-arrom-i-sofia-alonso-sincorporen-a-lequip-de-govern-de-lloret-de-vistalegre-com-a-regidors-desport-i-de-serveis-socials-i-sanitat-respectivament\/\" class=\"more-link\">Read More<\/a>\n\t\t<\/div>\n\t\t\t<aside class=\"post-bottom-meta hide\">\n\t\t<strong rel=\"author\" itemprop=\"author\" class=\"author vcard\"><span class=\"fn\">Albert<\/span><\/strong>\n\t\t<time class=\"date published time\" datetime=\"2024-07-12T11:16:02+02:00\" itemprop=\"datePublished\" content=\"2024-07-12T11:16:02+02:00\">12\/07\/2024<\/time>\n\t\t<meta itemprop=\"dateModified\" class=\"date updated\" content=\"2024-10-14T11:39:46+02:00\">\n\t\t<span class=\"hide\" itemprop=\"publisher\" itemscope itemtype=\"https:\/\/schema.org\/Organization\">\n\t\t\t<meta itemprop=\"name\" content=\"SocialistesdMca\">\n\t\t\t<span itemprop=\"logo\" itemscope itemtype=\"https:\/\/schema.org\/ImageObject\">\n\t\t\t\t<meta itemprop=\"url\" content=\"https:\/\/www.psib-psoe.org\/mallorca\/wp-content\/themes\/notio-wp\/assets\/img\/logo.png\">\n\t\t\t<\/span>\n\t\t\t<meta itemprop=\"url\" content=\"https:\/\/www.psib-psoe.org\/mallorca\/\">\n\t\t<\/span>\n\t\t\t\t<span class=\"hide\" itemprop=\"image\" itemscope itemtype=\"http:\/\/schema.org\/ImageObject\">\n\t\t\t<meta itemprop=\"url\" content=\"https:\/\/www.psib-psoe.org\/mallorca\/wp-content\/uploads\/Pacte-Lloret.jpg\">\n\t\t\t<meta itemprop=\"width\" content=\"2048\">\n\t\t\t<meta itemprop=\"height\" content=\"1828\">\n\t\t<\/span>\n\t\t\t\t<meta itemscope itemprop=\"mainEntityOfPage\" itemtype=\"https:\/\/schema.org\/WebPage\" itemid=\"https:\/\/www.psib-psoe.org\/mallorca\/xisco-arrom-i-sofia-alonso-sincorporen-a-lequip-de-govern-de-lloret-de-vistalegre-com-a-regidors-desport-i-de-serveis-socials-i-sanitat-respectivament\/\">\n\t<\/aside>\n\t\t<\/article>\n<\/div>\n<div class=\"small-12 large-4 columns\">\n\t<article itemscope itemtype=\"http:\/\/schema.org\/Article\" class=\"post blog-style7 alt post-28793 type-post status-publish format-standard has-post-thumbnail hentry category-federacio-de-mallorca category-federacio-de-mallorca-portada category-municipis category-portada tag-agrupacio-socialista-de-son-servera tag-antonia-sastre tag-catalina-cladera tag-federacio-socialista-de-mallorca tag-javier-de-juan tag-natalia-troya tag-psib-psoe\" role=\"article\">\n\t\t<figure class=\"post-gallery\"><img loading=\"lazy\" decoding=\"async\" width=\"600\" height=\"400\" src=\"https:\/\/www.psib-psoe.org\/mallorca\/wp-content\/uploads\/081122-Presentaci\u00f3-Natalia-Troya-1-1024x682-2-600x400.jpeg\" class=\"attachment-notio-general-x2 size-notio-general-x2 wp-post-image\" alt=\"\" srcset=\"https:\/\/www.psib-psoe.org\/mallorca\/wp-content\/uploads\/081122-Presentaci\u00f3-Natalia-Troya-1-1024x682-2-600x400.jpeg 600w, https:\/\/www.psib-psoe.org\/mallorca\/wp-content\/uploads\/081122-Presentaci\u00f3-Natalia-Troya-1-1024x682-2-300x200.jpeg 300w, https:\/\/www.psib-psoe.org\/mallorca\/wp-content\/uploads\/081122-Presentaci\u00f3-Natalia-Troya-1-1024x682-2-768x512.jpeg 768w, https:\/\/www.psib-psoe.org\/mallorca\/wp-content\/uploads\/081122-Presentaci\u00f3-Natalia-Troya-1-1024x682-2.jpeg 1024w, https:\/\/www.psib-psoe.org\/mallorca\/wp-content\/uploads\/081122-Presentaci\u00f3-Natalia-Troya-1-1024x682-2-150x100.jpeg 150w, https:\/\/www.psib-psoe.org\/mallorca\/wp-content\/uploads\/081122-Presentaci\u00f3-Natalia-Troya-1-1024x682-2-900x600.jpeg 900w, https:\/\/www.psib-psoe.org\/mallorca\/wp-content\/uploads\/081122-Presentaci\u00f3-Natalia-Troya-1-1024x682-2-20x13.jpeg 20w\" sizes=\"(max-width: 600px) 100vw, 600px\" \/><\/figure>\n\t\t<div class=\"blog-top\">\n\t\t\t<header class=\"post-title entry-header\">\n\t\t\t\t<aside class=\"post-meta cf\">\n\t\t11\/07\/2024 \/ <a href=\"https:\/\/www.psib-psoe.org\/mallorca\/category\/federacio-de-mallorca\/\" rel=\"category tag\">Federaci\u00f3 de Mallorca<\/a>, <a href=\"https:\/\/www.psib-psoe.org\/mallorca\/category\/federacio-de-mallorca-portada\/\" rel=\"category tag\">Federaci\u00f3 de Mallorca - Portada<\/a>, <a href=\"https:\/\/www.psib-psoe.org\/mallorca\/category\/municipis\/\" rel=\"category tag\">Municipis<\/a>, <a href=\"https:\/\/www.psib-psoe.org\/mallorca\/category\/portada\/\" rel=\"category tag\">Portada<\/a><\/aside>\n\t\t\t\t<h3 itemprop=\"headline\"><a href=\"https:\/\/www.psib-psoe.org\/mallorca\/natalia-troya-presenta-lescrit-de-renuncia-a-lacta-de-regidora-a-lajuntament-de-son-servera\/\" title=\"Nat\u00e0lia Troya presenta l&#8217;escrit de ren\u00fancia a l&#8217;acta de regidora a l&#8217;Ajuntament de Son Servera\">Nat\u00e0lia Troya presenta l&#8217;escrit de ren\u00fancia a l&#8217;acta de regidora a l&#8217;Ajuntament de Son Servera<\/a><\/h3>\n\t\t\t<\/header>\n\t\t<\/div>\n\t\t<div class=\"post-content\">\n\t\t\t<a href=\"https:\/\/www.psib-psoe.org\/mallorca\/natalia-troya-presenta-lescrit-de-renuncia-a-lacta-de-regidora-a-lajuntament-de-son-servera\/\" class=\"more-link\">Read More<\/a>\n\t\t<\/div>\n\t\t\t<aside class=\"post-bottom-meta hide\">\n\t\t<strong rel=\"author\" itemprop=\"author\" class=\"author vcard\"><span class=\"fn\">Albert<\/span><\/strong>\n\t\t<time class=\"date published time\" datetime=\"2024-07-11T18:43:21+02:00\" itemprop=\"datePublished\" content=\"2024-07-11T18:43:21+02:00\">11\/07\/2024<\/time>\n\t\t<meta itemprop=\"dateModified\" class=\"date updated\" content=\"2024-10-14T11:39:46+02:00\">\n\t\t<span class=\"hide\" itemprop=\"publisher\" itemscope itemtype=\"https:\/\/schema.org\/Organization\">\n\t\t\t<meta itemprop=\"name\" content=\"SocialistesdMca\">\n\t\t\t<span itemprop=\"logo\" itemscope itemtype=\"https:\/\/schema.org\/ImageObject\">\n\t\t\t\t<meta itemprop=\"url\" content=\"https:\/\/www.psib-psoe.org\/mallorca\/wp-content\/themes\/notio-wp\/assets\/img\/logo.png\">\n\t\t\t<\/span>\n\t\t\t<meta itemprop=\"url\" content=\"https:\/\/www.psib-psoe.org\/mallorca\/\">\n\t\t<\/span>\n\t\t\t\t<span class=\"hide\" itemprop=\"image\" itemscope itemtype=\"http:\/\/schema.org\/ImageObject\">\n\t\t\t<meta itemprop=\"url\" content=\"https:\/\/www.psib-psoe.org\/mallorca\/wp-content\/uploads\/081122-Presentaci\u00f3-Natalia-Troya-1-1024x682-2.jpeg\">\n\t\t\t<meta itemprop=\"width\" content=\"1024\">\n\t\t\t<meta itemprop=\"height\" content=\"682\">\n\t\t<\/span>\n\t\t\t\t<meta itemscope itemprop=\"mainEntityOfPage\" itemtype=\"https:\/\/schema.org\/WebPage\" itemid=\"https:\/\/www.psib-psoe.org\/mallorca\/natalia-troya-presenta-lescrit-de-renuncia-a-lacta-de-regidora-a-lajuntament-de-son-servera\/\">\n\t<\/aside>\n\t\t<\/article>\n<\/div>\n<div class=\"small-12 large-4 columns\">\n\t<article itemscope itemtype=\"http:\/\/schema.org\/Article\" class=\"post blog-style7 alt post-28790 type-post status-publish format-standard has-post-thumbnail hentry category-consell-de-mallorca category-federacio-de-mallorca category-federacio-de-mallorca-portada category-portada tag-bea-gamundi tag-catalina-cladera tag-consell-de-mallorca tag-federacio-socialista-de-mallorca tag-javier-de-juan tag-joan-ferrer tag-psib-psoe tag-sofia-alonso\" role=\"article\">\n\t\t<figure class=\"post-gallery\"><img loading=\"lazy\" decoding=\"async\" width=\"600\" height=\"400\" src=\"https:\/\/www.psib-psoe.org\/mallorca\/wp-content\/uploads\/Ple-juliol2-600x400.jpeg\" class=\"attachment-notio-general-x2 size-notio-general-x2 wp-post-image\" alt=\"\" srcset=\"https:\/\/www.psib-psoe.org\/mallorca\/wp-content\/uploads\/Ple-juliol2-600x400.jpeg 600w, https:\/\/www.psib-psoe.org\/mallorca\/wp-content\/uploads\/Ple-juliol2-300x200.jpeg 300w, https:\/\/www.psib-psoe.org\/mallorca\/wp-content\/uploads\/Ple-juliol2-900x600.jpeg 900w, https:\/\/www.psib-psoe.org\/mallorca\/wp-content\/uploads\/Ple-juliol2-20x13.jpeg 20w\" sizes=\"(max-width: 600px) 100vw, 600px\" \/><\/figure>\n\t\t<div class=\"blog-top\">\n\t\t\t<header class=\"post-title entry-header\">\n\t\t\t\t<aside class=\"post-meta cf\">\n\t\t11\/07\/2024 \/ <a href=\"https:\/\/www.psib-psoe.org\/mallorca\/category\/consell-de-mallorca\/\" rel=\"category tag\">Consell de Mallorca<\/a>, <a href=\"https:\/\/www.psib-psoe.org\/mallorca\/category\/federacio-de-mallorca\/\" rel=\"category tag\">Federaci\u00f3 de Mallorca<\/a>, <a href=\"https:\/\/www.psib-psoe.org\/mallorca\/category\/federacio-de-mallorca-portada\/\" rel=\"category tag\">Federaci\u00f3 de Mallorca - Portada<\/a>, <a href=\"https:\/\/www.psib-psoe.org\/mallorca\/category\/portada\/\" rel=\"category tag\">Portada<\/a><\/aside>\n\t\t\t\t<h3 itemprop=\"headline\"><a href=\"https:\/\/www.psib-psoe.org\/mallorca\/ppvox-al-consell-tanca-files-per-salvar-le-senne-i-seguir-el-tramit-per-derogar-la-llei-de-memoria-democratica-de-balears\/\" title=\"PPVOX al Consell tanca files per salvar Le Senne i seguir el tr\u00e0mit per derogar la Llei de Mem\u00f2ria Democr\u00e0tica de Balears\">PPVOX al Consell tanca files per salvar Le Senne i seguir el tr\u00e0mit per derogar la Llei de Mem\u00f2ria Democr\u00e0tica de Balears<\/a><\/h3>\n\t\t\t<\/header>\n\t\t<\/div>\n\t\t<div class=\"post-content\">\n\t\t\t<a href=\"https:\/\/www.psib-psoe.org\/mallorca\/ppvox-al-consell-tanca-files-per-salvar-le-senne-i-seguir-el-tramit-per-derogar-la-llei-de-memoria-democratica-de-balears\/\" class=\"more-link\">Read More<\/a>\n\t\t<\/div>\n\t\t\t<aside class=\"post-bottom-meta hide\">\n\t\t<strong rel=\"author\" itemprop=\"author\" class=\"author vcard\"><span class=\"fn\">Albert<\/span><\/strong>\n\t\t<time class=\"date published time\" datetime=\"2024-07-11T17:59:57+02:00\" itemprop=\"datePublished\" content=\"2024-07-11T17:59:57+02:00\">11\/07\/2024<\/time>\n\t\t<meta itemprop=\"dateModified\" class=\"date updated\" content=\"2024-10-14T11:39:46+02:00\">\n\t\t<span class=\"hide\" itemprop=\"publisher\" itemscope itemtype=\"https:\/\/schema.org\/Organization\">\n\t\t\t<meta itemprop=\"name\" content=\"SocialistesdMca\">\n\t\t\t<span itemprop=\"logo\" itemscope itemtype=\"https:\/\/schema.org\/ImageObject\">\n\t\t\t\t<meta itemprop=\"url\" content=\"https:\/\/www.psib-psoe.org\/mallorca\/wp-content\/themes\/notio-wp\/assets\/img\/logo.png\">\n\t\t\t<\/span>\n\t\t\t<meta itemprop=\"url\" content=\"https:\/\/www.psib-psoe.org\/mallorca\/\">\n\t\t<\/span>\n\t\t\t\t<span class=\"hide\" itemprop=\"image\" itemscope itemtype=\"http:\/\/schema.org\/ImageObject\">\n\t\t\t<meta itemprop=\"url\" content=\"https:\/\/www.psib-psoe.org\/mallorca\/wp-content\/uploads\/Ple-juliol2.jpeg\">\n\t\t\t<meta itemprop=\"width\" content=\"1600\">\n\t\t\t<meta itemprop=\"height\" content=\"1200\">\n\t\t<\/span>\n\t\t\t\t<meta itemscope itemprop=\"mainEntityOfPage\" itemtype=\"https:\/\/schema.org\/WebPage\" itemid=\"https:\/\/www.psib-psoe.org\/mallorca\/ppvox-al-consell-tanca-files-per-salvar-le-senne-i-seguir-el-tramit-per-derogar-la-llei-de-memoria-democratica-de-balears\/\">\n\t<\/aside>\n\t\t<\/article>\n<\/div>\n<div class=\"small-12 large-4 columns\">\n\t<article itemscope itemtype=\"http:\/\/schema.org\/Article\" class=\"post blog-style7 alt post-28786 type-post status-publish format-standard has-post-thumbnail hentry category-consell-de-mallorca category-federacio-de-mallorca category-federacio-de-mallorca-portada category-portada tag-catalina-cladera tag-consell-de-mallorca tag-federacio-socialista-de-mallorca tag-imas tag-javier-de-juan tag-psib-psoe tag-sofia-alonso\" role=\"article\">\n\t\t<figure class=\"post-gallery\"><img loading=\"lazy\" decoding=\"async\" width=\"600\" height=\"400\" src=\"https:\/\/www.psib-psoe.org\/mallorca\/wp-content\/uploads\/Ple-juliol-600x400.jpeg\" class=\"attachment-notio-general-x2 size-notio-general-x2 wp-post-image\" alt=\"\" srcset=\"https:\/\/www.psib-psoe.org\/mallorca\/wp-content\/uploads\/Ple-juliol-600x400.jpeg 600w, https:\/\/www.psib-psoe.org\/mallorca\/wp-content\/uploads\/Ple-juliol-300x200.jpeg 300w, https:\/\/www.psib-psoe.org\/mallorca\/wp-content\/uploads\/Ple-juliol-900x600.jpeg 900w, https:\/\/www.psib-psoe.org\/mallorca\/wp-content\/uploads\/Ple-juliol-20x13.jpeg 20w\" sizes=\"(max-width: 600px) 100vw, 600px\" \/><\/figure>\n\t\t<div class=\"blog-top\">\n\t\t\t<header class=\"post-title entry-header\">\n\t\t\t\t<aside class=\"post-meta cf\">\n\t\t11\/07\/2024 \/ <a href=\"https:\/\/www.psib-psoe.org\/mallorca\/category\/consell-de-mallorca\/\" rel=\"category tag\">Consell de Mallorca<\/a>, <a href=\"https:\/\/www.psib-psoe.org\/mallorca\/category\/federacio-de-mallorca\/\" rel=\"category tag\">Federaci\u00f3 de Mallorca<\/a>, <a href=\"https:\/\/www.psib-psoe.org\/mallorca\/category\/federacio-de-mallorca-portada\/\" rel=\"category tag\">Federaci\u00f3 de Mallorca - Portada<\/a>, <a href=\"https:\/\/www.psib-psoe.org\/mallorca\/category\/portada\/\" rel=\"category tag\">Portada<\/a><\/aside>\n\t\t\t\t<h3 itemprop=\"headline\"><a href=\"https:\/\/www.psib-psoe.org\/mallorca\/catalina-cladera-o-galmes-esta-amb-els-menors-migrants-no-acompanyats-o-amb-els-seus-socis-feixistes-i-xenofobs-de-vox-per-servar-la-seva-cadira\/\" title=\"Catalina Cladera: &#8220;O Galm\u00e9s est\u00e0 amb els menors migrants no acompanyats, o amb els seus socis feixistes i xen\u00f2fobs de VOX per servar la seva cadira&#8221;\">Catalina Cladera: &#8220;O Galm\u00e9s est\u00e0 amb els menors migrants no acompanyats, o amb els seus socis feixistes i xen\u00f2fobs de VOX per servar la seva cadira&#8221;<\/a><\/h3>\n\t\t\t<\/header>\n\t\t<\/div>\n\t\t<div class=\"post-content\">\n\t\t\t<a href=\"https:\/\/www.psib-psoe.org\/mallorca\/catalina-cladera-o-galmes-esta-amb-els-menors-migrants-no-acompanyats-o-amb-els-seus-socis-feixistes-i-xenofobs-de-vox-per-servar-la-seva-cadira\/\" class=\"more-link\">Read More<\/a>\n\t\t<\/div>\n\t\t\t<aside class=\"post-bottom-meta hide\">\n\t\t<strong rel=\"author\" itemprop=\"author\" class=\"author vcard\"><span class=\"fn\">Albert<\/span><\/strong>\n\t\t<time class=\"date published time\" datetime=\"2024-07-11T14:35:55+02:00\" itemprop=\"datePublished\" content=\"2024-07-11T14:35:55+02:00\">11\/07\/2024<\/time>\n\t\t<meta itemprop=\"dateModified\" class=\"date updated\" content=\"2024-10-14T11:39:46+02:00\">\n\t\t<span class=\"hide\" itemprop=\"publisher\" itemscope itemtype=\"https:\/\/schema.org\/Organization\">\n\t\t\t<meta itemprop=\"name\" content=\"SocialistesdMca\">\n\t\t\t<span itemprop=\"logo\" itemscope itemtype=\"https:\/\/schema.org\/ImageObject\">\n\t\t\t\t<meta itemprop=\"url\" content=\"https:\/\/www.psib-psoe.org\/mallorca\/wp-content\/themes\/notio-wp\/assets\/img\/logo.png\">\n\t\t\t<\/span>\n\t\t\t<meta itemprop=\"url\" content=\"https:\/\/www.psib-psoe.org\/mallorca\/\">\n\t\t<\/span>\n\t\t\t\t<span class=\"hide\" itemprop=\"image\" itemscope itemtype=\"http:\/\/schema.org\/ImageObject\">\n\t\t\t<meta itemprop=\"url\" content=\"https:\/\/www.psib-psoe.org\/mallorca\/wp-content\/uploads\/Ple-juliol.jpeg\">\n\t\t\t<meta itemprop=\"width\" content=\"2048\">\n\t\t\t<meta itemprop=\"height\" content=\"1536\">\n\t\t<\/span>\n\t\t\t\t<meta itemscope itemprop=\"mainEntityOfPage\" itemtype=\"https:\/\/schema.org\/WebPage\" itemid=\"https:\/\/www.psib-psoe.org\/mallorca\/catalina-cladera-o-galmes-esta-amb-els-menors-migrants-no-acompanyats-o-amb-els-seus-socis-feixistes-i-xenofobs-de-vox-per-servar-la-seva-cadira\/\">\n\t<\/aside>\n\t\t<\/article>\n<\/div>\n<div class=\"small-12 large-4 columns\">\n\t<article itemscope itemtype=\"http:\/\/schema.org\/Article\" class=\"post blog-style7 alt post-28783 type-post status-publish format-standard has-post-thumbnail hentry category-consell-de-mallorca category-federacio-de-mallorca category-federacio-de-mallorca-portada category-portada tag-catalina-cladera tag-consell-de-mallorca tag-federacio-socialista-de-mallorca tag-imas tag-javier-de-juan tag-psib-psoe tag-sofia-alonso\" role=\"article\">\n\t\t<figure class=\"post-gallery\"><img loading=\"lazy\" decoding=\"async\" width=\"600\" height=\"400\" src=\"https:\/\/www.psib-psoe.org\/mallorca\/wp-content\/uploads\/Tall-600x400.jpeg\" class=\"attachment-notio-general-x2 size-notio-general-x2 wp-post-image\" alt=\"\" srcset=\"https:\/\/www.psib-psoe.org\/mallorca\/wp-content\/uploads\/Tall-600x400.jpeg 600w, https:\/\/www.psib-psoe.org\/mallorca\/wp-content\/uploads\/Tall-300x200.jpeg 300w, https:\/\/www.psib-psoe.org\/mallorca\/wp-content\/uploads\/Tall-900x600.jpeg 900w, https:\/\/www.psib-psoe.org\/mallorca\/wp-content\/uploads\/Tall-20x13.jpeg 20w\" sizes=\"(max-width: 600px) 100vw, 600px\" \/><\/figure>\n\t\t<div class=\"blog-top\">\n\t\t\t<header class=\"post-title entry-header\">\n\t\t\t\t<aside class=\"post-meta cf\">\n\t\t10\/07\/2024 \/ <a href=\"https:\/\/www.psib-psoe.org\/mallorca\/category\/consell-de-mallorca\/\" rel=\"category tag\">Consell de Mallorca<\/a>, <a href=\"https:\/\/www.psib-psoe.org\/mallorca\/category\/federacio-de-mallorca\/\" rel=\"category tag\">Federaci\u00f3 de Mallorca<\/a>, <a href=\"https:\/\/www.psib-psoe.org\/mallorca\/category\/federacio-de-mallorca-portada\/\" rel=\"category tag\">Federaci\u00f3 de Mallorca - Portada<\/a>, <a href=\"https:\/\/www.psib-psoe.org\/mallorca\/category\/portada\/\" rel=\"category tag\">Portada<\/a><\/aside>\n\t\t\t\t<h3 itemprop=\"headline\"><a href=\"https:\/\/www.psib-psoe.org\/mallorca\/els-socialistes-de-mallorca-insten-limas-a-que-aculli-el-contingent-solidari-de-menors-immigrants-no-acompanyats-dacord-amb-lestat-i-no-se-sotmeti-a-les-politiques-xenofobes-de-vox\/\" title=\"Els Socialistes de Mallorca insten l&#8217;IMAS a qu\u00e8 aculli el contingent solidari de menors immigrants no acompanyats d&#8217;acord amb l&#8217;Estat i no se sotmeti a les pol\u00edtiques xen\u00f2fobes de Vox.\">Els Socialistes de Mallorca insten l&#8217;IMAS a qu\u00e8 aculli el contingent solidari de menors immigrants no acompanyats d&#8217;acord amb l&#8217;Estat i no se sotmeti a les pol\u00edtiques xen\u00f2fobes de Vox.<\/a><\/h3>\n\t\t\t<\/header>\n\t\t<\/div>\n\t\t<div class=\"post-content\">\n\t\t\t<a href=\"https:\/\/www.psib-psoe.org\/mallorca\/els-socialistes-de-mallorca-insten-limas-a-que-aculli-el-contingent-solidari-de-menors-immigrants-no-acompanyats-dacord-amb-lestat-i-no-se-sotmeti-a-les-politiques-xenofobes-de-vox\/\" class=\"more-link\">Read More<\/a>\n\t\t<\/div>\n\t\t\t<aside class=\"post-bottom-meta hide\">\n\t\t<strong rel=\"author\" itemprop=\"author\" class=\"author vcard\"><span class=\"fn\">Albert<\/span><\/strong>\n\t\t<time class=\"date published time\" datetime=\"2024-07-10T13:14:22+02:00\" itemprop=\"datePublished\" content=\"2024-07-10T13:14:22+02:00\">10\/07\/2024<\/time>\n\t\t<meta itemprop=\"dateModified\" class=\"date updated\" content=\"2024-10-14T11:39:46+02:00\">\n\t\t<span class=\"hide\" itemprop=\"publisher\" itemscope itemtype=\"https:\/\/schema.org\/Organization\">\n\t\t\t<meta itemprop=\"name\" content=\"SocialistesdMca\">\n\t\t\t<span itemprop=\"logo\" itemscope itemtype=\"https:\/\/schema.org\/ImageObject\">\n\t\t\t\t<meta itemprop=\"url\" content=\"https:\/\/www.psib-psoe.org\/mallorca\/wp-content\/themes\/notio-wp\/assets\/img\/logo.png\">\n\t\t\t<\/span>\n\t\t\t<meta itemprop=\"url\" content=\"https:\/\/www.psib-psoe.org\/mallorca\/\">\n\t\t<\/span>\n\t\t\t\t<span class=\"hide\" itemprop=\"image\" itemscope itemtype=\"http:\/\/schema.org\/ImageObject\">\n\t\t\t<meta itemprop=\"url\" content=\"https:\/\/www.psib-psoe.org\/mallorca\/wp-content\/uploads\/Tall.jpeg\">\n\t\t\t<meta itemprop=\"width\" content=\"1536\">\n\t\t\t<meta itemprop=\"height\" content=\"2048\">\n\t\t<\/span>\n\t\t\t\t<meta itemscope itemprop=\"mainEntityOfPage\" itemtype=\"https:\/\/schema.org\/WebPage\" itemid=\"https:\/\/www.psib-psoe.org\/mallorca\/els-socialistes-de-mallorca-insten-limas-a-que-aculli-el-contingent-solidari-de-menors-immigrants-no-acompanyats-dacord-amb-lestat-i-no-se-sotmeti-a-les-politiques-xenofobes-de-vox\/\">\n\t<\/aside>\n\t\t<\/article>\n<\/div>\n<div class=\"small-12 large-4 columns\">\n\t<article itemscope itemtype=\"http:\/\/schema.org\/Article\" class=\"post blog-style7 alt post-28779 type-post status-publish format-standard has-post-thumbnail hentry category-federacio-de-mallorca category-federacio-de-mallorca-portada category-municipis category-portada tag-antonia-sastre tag-catalina-cladera tag-federacio-socialista-de-mallorca tag-javier-de-juan tag-psib-psoe\" role=\"article\">\n\t\t<figure class=\"post-gallery\"><img loading=\"lazy\" decoding=\"async\" width=\"600\" height=\"400\" src=\"https:\/\/www.psib-psoe.org\/mallorca\/wp-content\/uploads\/1-600x400.jpeg\" class=\"attachment-notio-general-x2 size-notio-general-x2 wp-post-image\" alt=\"\" srcset=\"https:\/\/www.psib-psoe.org\/mallorca\/wp-content\/uploads\/1-600x400.jpeg 600w, https:\/\/www.psib-psoe.org\/mallorca\/wp-content\/uploads\/1-300x200.jpeg 300w, https:\/\/www.psib-psoe.org\/mallorca\/wp-content\/uploads\/1-900x600.jpeg 900w, https:\/\/www.psib-psoe.org\/mallorca\/wp-content\/uploads\/1-20x13.jpeg 20w\" sizes=\"(max-width: 600px) 100vw, 600px\" \/><\/figure>\n\t\t<div class=\"blog-top\">\n\t\t\t<header class=\"post-title entry-header\">\n\t\t\t\t<aside class=\"post-meta cf\">\n\t\t08\/07\/2024 \/ <a href=\"https:\/\/www.psib-psoe.org\/mallorca\/category\/federacio-de-mallorca\/\" rel=\"category tag\">Federaci\u00f3 de Mallorca<\/a>, <a href=\"https:\/\/www.psib-psoe.org\/mallorca\/category\/federacio-de-mallorca-portada\/\" rel=\"category tag\">Federaci\u00f3 de Mallorca - Portada<\/a>, <a href=\"https:\/\/www.psib-psoe.org\/mallorca\/category\/municipis\/\" rel=\"category tag\">Municipis<\/a>, <a href=\"https:\/\/www.psib-psoe.org\/mallorca\/category\/portada\/\" rel=\"category tag\">Portada<\/a><\/aside>\n\t\t\t\t<h3 itemprop=\"headline\"><a href=\"https:\/\/www.psib-psoe.org\/mallorca\/els-socialistes-de-mallorca-analitzen-lactualitat-politica-al-pas-del-primer-any-de-la-legislatura-amb-limpuls-de-la-resistencia-de-lesquerra-a-lonada-ultradretana-a-europa\/\" title=\"Els Socialistes de Mallorca analitzen l&#8217;actualitat pol\u00edtica al pas del primer any de la legislatura, amb l&#8217;impuls de la resist\u00e8ncia de l&#8217;esquerra a l&#8217;onada ultradretana a Europa.\">Els Socialistes de Mallorca analitzen l&#8217;actualitat pol\u00edtica al pas del primer any de la legislatura, amb l&#8217;impuls de la resist\u00e8ncia de l&#8217;esquerra a l&#8217;onada ultradretana a Europa.<\/a><\/h3>\n\t\t\t<\/header>\n\t\t<\/div>\n\t\t<div class=\"post-content\">\n\t\t\t<a href=\"https:\/\/www.psib-psoe.org\/mallorca\/els-socialistes-de-mallorca-analitzen-lactualitat-politica-al-pas-del-primer-any-de-la-legislatura-amb-limpuls-de-la-resistencia-de-lesquerra-a-lonada-ultradretana-a-europa\/\" class=\"more-link\">Read More<\/a>\n\t\t<\/div>\n\t\t\t<aside class=\"post-bottom-meta hide\">\n\t\t<strong rel=\"author\" itemprop=\"author\" class=\"author vcard\"><span class=\"fn\">Albert<\/span><\/strong>\n\t\t<time class=\"date published time\" datetime=\"2024-07-08T18:40:00+02:00\" itemprop=\"datePublished\" content=\"2024-07-08T18:40:00+02:00\">08\/07\/2024<\/time>\n\t\t<meta itemprop=\"dateModified\" class=\"date updated\" content=\"2024-10-14T11:39:46+02:00\">\n\t\t<span class=\"hide\" itemprop=\"publisher\" itemscope itemtype=\"https:\/\/schema.org\/Organization\">\n\t\t\t<meta itemprop=\"name\" content=\"SocialistesdMca\">\n\t\t\t<span itemprop=\"logo\" itemscope itemtype=\"https:\/\/schema.org\/ImageObject\">\n\t\t\t\t<meta itemprop=\"url\" content=\"https:\/\/www.psib-psoe.org\/mallorca\/wp-content\/themes\/notio-wp\/assets\/img\/logo.png\">\n\t\t\t<\/span>\n\t\t\t<meta itemprop=\"url\" content=\"https:\/\/www.psib-psoe.org\/mallorca\/\">\n\t\t<\/span>\n\t\t\t\t<span class=\"hide\" itemprop=\"image\" itemscope itemtype=\"http:\/\/schema.org\/ImageObject\">\n\t\t\t<meta itemprop=\"url\" content=\"https:\/\/www.psib-psoe.org\/mallorca\/wp-content\/uploads\/1.jpeg\">\n\t\t\t<meta itemprop=\"width\" content=\"2048\">\n\t\t\t<meta itemprop=\"height\" content=\"1536\">\n\t\t<\/span>\n\t\t\t\t<meta itemscope itemprop=\"mainEntityOfPage\" itemtype=\"https:\/\/schema.org\/WebPage\" itemid=\"https:\/\/www.psib-psoe.org\/mallorca\/els-socialistes-de-mallorca-analitzen-lactualitat-politica-al-pas-del-primer-any-de-la-legislatura-amb-limpuls-de-la-resistencia-de-lesquerra-a-lonada-ultradretana-a-europa\/\">\n\t<\/aside>\n\t\t<\/article>\n<\/div>\n<div class=\"small-12 large-4 columns\">\n\t<article itemscope itemtype=\"http:\/\/schema.org\/Article\" class=\"post blog-style7 alt post-28775 type-post status-publish format-standard has-post-thumbnail hentry category-consell-de-mallorca category-federacio-de-mallorca category-federacio-de-mallorca-portada category-portada tag-antonia-sastre tag-catalina-cladera tag-consell-de-mallorca tag-federacio-socialista-de-mallorca tag-javier-de-juan tag-psib-psoe\" role=\"article\">\n\t\t<figure class=\"post-gallery\"><img loading=\"lazy\" decoding=\"async\" width=\"600\" height=\"400\" src=\"https:\/\/www.psib-psoe.org\/mallorca\/wp-content\/uploads\/Rdp-1-1-600x400.jpeg\" class=\"attachment-notio-general-x2 size-notio-general-x2 wp-post-image\" alt=\"\" srcset=\"https:\/\/www.psib-psoe.org\/mallorca\/wp-content\/uploads\/Rdp-1-1-600x400.jpeg 600w, https:\/\/www.psib-psoe.org\/mallorca\/wp-content\/uploads\/Rdp-1-1-300x200.jpeg 300w, https:\/\/www.psib-psoe.org\/mallorca\/wp-content\/uploads\/Rdp-1-1-900x600.jpeg 900w, https:\/\/www.psib-psoe.org\/mallorca\/wp-content\/uploads\/Rdp-1-1-20x13.jpeg 20w\" sizes=\"(max-width: 600px) 100vw, 600px\" \/><\/figure>\n\t\t<div class=\"blog-top\">\n\t\t\t<header class=\"post-title entry-header\">\n\t\t\t\t<aside class=\"post-meta cf\">\n\t\t08\/07\/2024 \/ <a href=\"https:\/\/www.psib-psoe.org\/mallorca\/category\/consell-de-mallorca\/\" rel=\"category tag\">Consell de Mallorca<\/a>, <a href=\"https:\/\/www.psib-psoe.org\/mallorca\/category\/federacio-de-mallorca\/\" rel=\"category tag\">Federaci\u00f3 de Mallorca<\/a>, <a href=\"https:\/\/www.psib-psoe.org\/mallorca\/category\/federacio-de-mallorca-portada\/\" rel=\"category tag\">Federaci\u00f3 de Mallorca - Portada<\/a>, <a href=\"https:\/\/www.psib-psoe.org\/mallorca\/category\/portada\/\" rel=\"category tag\">Portada<\/a><\/aside>\n\t\t\t\t<h3 itemprop=\"headline\"><a href=\"https:\/\/www.psib-psoe.org\/mallorca\/el-consell-de-mallorca-ha-perdut-un-any-sota-el-mandat-dun-galmes-embossat-amb-la-ultradreta\/\" title=\"El Consell de Mallorca ha perdut un any sota el mandat d&#8217;un Galm\u00e9s embossat amb la ultradreta.\">El Consell de Mallorca ha perdut un any sota el mandat d&#8217;un Galm\u00e9s embossat amb la ultradreta.<\/a><\/h3>\n\t\t\t<\/header>\n\t\t<\/div>\n\t\t<div class=\"post-content\">\n\t\t\t<a href=\"https:\/\/www.psib-psoe.org\/mallorca\/el-consell-de-mallorca-ha-perdut-un-any-sota-el-mandat-dun-galmes-embossat-amb-la-ultradreta\/\" class=\"more-link\">Read More<\/a>\n\t\t<\/div>\n\t\t\t<aside class=\"post-bottom-meta hide\">\n\t\t<strong rel=\"author\" itemprop=\"author\" class=\"author vcard\"><span class=\"fn\">Albert<\/span><\/strong>\n\t\t<time class=\"date published time\" datetime=\"2024-07-08T14:28:42+02:00\" itemprop=\"datePublished\" content=\"2024-07-08T14:28:42+02:00\">08\/07\/2024<\/time>\n\t\t<meta itemprop=\"dateModified\" class=\"date updated\" content=\"2024-10-14T11:39:46+02:00\">\n\t\t<span class=\"hide\" itemprop=\"publisher\" itemscope itemtype=\"https:\/\/schema.org\/Organization\">\n\t\t\t<meta itemprop=\"name\" content=\"SocialistesdMca\">\n\t\t\t<span itemprop=\"logo\" itemscope itemtype=\"https:\/\/schema.org\/ImageObject\">\n\t\t\t\t<meta itemprop=\"url\" content=\"https:\/\/www.psib-psoe.org\/mallorca\/wp-content\/themes\/notio-wp\/assets\/img\/logo.png\">\n\t\t\t<\/span>\n\t\t\t<meta itemprop=\"url\" content=\"https:\/\/www.psib-psoe.org\/mallorca\/\">\n\t\t<\/span>\n\t\t\t\t<span class=\"hide\" itemprop=\"image\" itemscope itemtype=\"http:\/\/schema.org\/ImageObject\">\n\t\t\t<meta itemprop=\"url\" content=\"https:\/\/www.psib-psoe.org\/mallorca\/wp-content\/uploads\/Rdp-1-1.jpeg\">\n\t\t\t<meta itemprop=\"width\" content=\"2048\">\n\t\t\t<meta itemprop=\"height\" content=\"1536\">\n\t\t<\/span>\n\t\t\t\t<meta itemscope itemprop=\"mainEntityOfPage\" itemtype=\"https:\/\/schema.org\/WebPage\" itemid=\"https:\/\/www.psib-psoe.org\/mallorca\/el-consell-de-mallorca-ha-perdut-un-any-sota-el-mandat-dun-galmes-embossat-amb-la-ultradreta\/\">\n\t<\/aside>\n\t\t<\/article>\n<\/div>\n<div class=\"small-12 large-4 columns\">\n\t<article itemscope itemtype=\"http:\/\/schema.org\/Article\" class=\"post blog-style7 alt post-28764 type-post status-publish format-standard has-post-thumbnail hentry category-consell-de-mallorca category-federacio-de-mallorca category-federacio-de-mallorca-portada category-municipis category-portada tag-catalina-cladera tag-psib-psoe\" role=\"article\">\n\t\t<figure class=\"post-gallery\"><img loading=\"lazy\" decoding=\"async\" width=\"600\" height=\"400\" src=\"https:\/\/www.psib-psoe.org\/mallorca\/wp-content\/uploads\/040724-Catalina-Cladera-2-600x400.jpg\" class=\"attachment-notio-general-x2 size-notio-general-x2 wp-post-image\" alt=\"\" srcset=\"https:\/\/www.psib-psoe.org\/mallorca\/wp-content\/uploads\/040724-Catalina-Cladera-2-600x400.jpg 600w, https:\/\/www.psib-psoe.org\/mallorca\/wp-content\/uploads\/040724-Catalina-Cladera-2-300x200.jpg 300w, https:\/\/www.psib-psoe.org\/mallorca\/wp-content\/uploads\/040724-Catalina-Cladera-2-900x600.jpg 900w, https:\/\/www.psib-psoe.org\/mallorca\/wp-content\/uploads\/040724-Catalina-Cladera-2-20x13.jpg 20w\" sizes=\"(max-width: 600px) 100vw, 600px\" \/><\/figure>\n\t\t<div class=\"blog-top\">\n\t\t\t<header class=\"post-title entry-header\">\n\t\t\t\t<aside class=\"post-meta cf\">\n\t\t04\/07\/2024 \/ <a href=\"https:\/\/www.psib-psoe.org\/mallorca\/category\/consell-de-mallorca\/\" rel=\"category tag\">Consell de Mallorca<\/a>, <a href=\"https:\/\/www.psib-psoe.org\/mallorca\/category\/federacio-de-mallorca\/\" rel=\"category tag\">Federaci\u00f3 de Mallorca<\/a>, <a href=\"https:\/\/www.psib-psoe.org\/mallorca\/category\/federacio-de-mallorca-portada\/\" rel=\"category tag\">Federaci\u00f3 de Mallorca - Portada<\/a>, <a href=\"https:\/\/www.psib-psoe.org\/mallorca\/category\/municipis\/\" rel=\"category tag\">Municipis<\/a>, <a href=\"https:\/\/www.psib-psoe.org\/mallorca\/category\/portada\/\" rel=\"category tag\">Portada<\/a><\/aside>\n\t\t\t\t<h3 itemprop=\"headline\"><a href=\"https:\/\/www.psib-psoe.org\/mallorca\/les-propostes-dels-socialistes-pel-proxim-ple-del-consell-recullen-les-contradiccions-dun-galmes-atrapat-pel-seu-pacte-amb-la-ultradreta-en-materia-de-memoria-historica-lgtbi-i-joventut\/\" title=\"Les propostes dels Socialistes pel pr\u00f2xim ple del Consell recullen les contradiccions d&#8217;un Galm\u00e9s atrapat pel seu pacte amb la ultradreta, en mat\u00e8ria de Mem\u00f2ria Hist\u00f2rica, LGTBI i Joventut.\">Les propostes dels Socialistes pel pr\u00f2xim ple del Consell recullen les contradiccions d&#8217;un Galm\u00e9s atrapat pel seu pacte amb la ultradreta, en mat\u00e8ria de Mem\u00f2ria Hist\u00f2rica, LGTBI i Joventut.<\/a><\/h3>\n\t\t\t<\/header>\n\t\t<\/div>\n\t\t<div class=\"post-content\">\n\t\t\t<a href=\"https:\/\/www.psib-psoe.org\/mallorca\/les-propostes-dels-socialistes-pel-proxim-ple-del-consell-recullen-les-contradiccions-dun-galmes-atrapat-pel-seu-pacte-amb-la-ultradreta-en-materia-de-memoria-historica-lgtbi-i-joventut\/\" class=\"more-link\">Read More<\/a>\n\t\t<\/div>\n\t\t\t<aside class=\"post-bottom-meta hide\">\n\t\t<strong rel=\"author\" itemprop=\"author\" class=\"author vcard\"><span class=\"fn\">Albert<\/span><\/strong>\n\t\t<time class=\"date published time\" datetime=\"2024-07-04T13:47:39+02:00\" itemprop=\"datePublished\" content=\"2024-07-04T13:47:39+02:00\">04\/07\/2024<\/time>\n\t\t<meta itemprop=\"dateModified\" class=\"date updated\" content=\"2024-10-14T11:39:46+02:00\">\n\t\t<span class=\"hide\" itemprop=\"publisher\" itemscope itemtype=\"https:\/\/schema.org\/Organization\">\n\t\t\t<meta itemprop=\"name\" content=\"SocialistesdMca\">\n\t\t\t<span itemprop=\"logo\" itemscope itemtype=\"https:\/\/schema.org\/ImageObject\">\n\t\t\t\t<meta itemprop=\"url\" content=\"https:\/\/www.psib-psoe.org\/mallorca\/wp-content\/themes\/notio-wp\/assets\/img\/logo.png\">\n\t\t\t<\/span>\n\t\t\t<meta itemprop=\"url\" content=\"https:\/\/www.psib-psoe.org\/mallorca\/\">\n\t\t<\/span>\n\t\t\t\t<span class=\"hide\" itemprop=\"image\" itemscope itemtype=\"http:\/\/schema.org\/ImageObject\">\n\t\t\t<meta itemprop=\"url\" content=\"https:\/\/www.psib-psoe.org\/mallorca\/wp-content\/uploads\/040724-Catalina-Cladera-2.jpg\">\n\t\t\t<meta itemprop=\"width\" content=\"4032\">\n\t\t\t<meta itemprop=\"height\" content=\"3024\">\n\t\t<\/span>\n\t\t\t\t<meta itemscope itemprop=\"mainEntityOfPage\" itemtype=\"https:\/\/schema.org\/WebPage\" itemid=\"https:\/\/www.psib-psoe.org\/mallorca\/les-propostes-dels-socialistes-pel-proxim-ple-del-consell-recullen-les-contradiccions-dun-galmes-atrapat-pel-seu-pacte-amb-la-ultradreta-en-materia-de-memoria-historica-lgtbi-i-joventut\/\">\n\t<\/aside>\n\t\t<\/article>\n<\/div>\n<div class=\"small-12 large-4 columns\">\n\t<article itemscope itemtype=\"http:\/\/schema.org\/Article\" class=\"post blog-style7 alt post-28757 type-post status-publish format-standard has-post-thumbnail hentry category-federacio-de-mallorca category-federacio-de-mallorca-portada category-municipis category-portada tag-antonia-sastre tag-catalina-cladera tag-federacio-socialista-de-mallorca tag-javier-de-juan tag-miquel-cabot tag-psib-psoe tag-socialistes-de-lloret tag-sofia-alonso tag-xisco-arrom\" role=\"article\">\n\t\t<figure class=\"post-gallery\"><img loading=\"lazy\" decoding=\"async\" width=\"600\" height=\"400\" src=\"https:\/\/www.psib-psoe.org\/mallorca\/wp-content\/uploads\/Cladera-Arrom-Alonso_2-600x400.jpg\" class=\"attachment-notio-general-x2 size-notio-general-x2 wp-post-image\" alt=\"\" srcset=\"https:\/\/www.psib-psoe.org\/mallorca\/wp-content\/uploads\/Cladera-Arrom-Alonso_2-600x400.jpg 600w, https:\/\/www.psib-psoe.org\/mallorca\/wp-content\/uploads\/Cladera-Arrom-Alonso_2-300x200.jpg 300w, https:\/\/www.psib-psoe.org\/mallorca\/wp-content\/uploads\/Cladera-Arrom-Alonso_2-900x600.jpg 900w, https:\/\/www.psib-psoe.org\/mallorca\/wp-content\/uploads\/Cladera-Arrom-Alonso_2-20x13.jpg 20w\" sizes=\"(max-width: 600px) 100vw, 600px\" \/><\/figure>\n\t\t<div class=\"blog-top\">\n\t\t\t<header class=\"post-title entry-header\">\n\t\t\t\t<aside class=\"post-meta cf\">\n\t\t03\/07\/2024 \/ <a href=\"https:\/\/www.psib-psoe.org\/mallorca\/category\/federacio-de-mallorca\/\" rel=\"category tag\">Federaci\u00f3 de Mallorca<\/a>, <a href=\"https:\/\/www.psib-psoe.org\/mallorca\/category\/federacio-de-mallorca-portada\/\" rel=\"category tag\">Federaci\u00f3 de Mallorca - Portada<\/a>, <a href=\"https:\/\/www.psib-psoe.org\/mallorca\/category\/municipis\/\" rel=\"category tag\">Municipis<\/a>, <a href=\"https:\/\/www.psib-psoe.org\/mallorca\/category\/portada\/\" rel=\"category tag\">Portada<\/a><\/aside>\n\t\t\t\t<h3 itemprop=\"headline\"><a href=\"https:\/\/www.psib-psoe.org\/mallorca\/els-socialistes-de-lloret-i-endavant-lloret-arriben-a-un-acord-per-governar-plegats-els-propers-3-anys\/\" title=\"Els Socialistes de Lloret i Endavant-Lloret arriben a un acord per governar plegats els propers 3 anys.\">Els Socialistes de Lloret i Endavant-Lloret arriben a un acord per governar plegats els propers 3 anys.<\/a><\/h3>\n\t\t\t<\/header>\n\t\t<\/div>\n\t\t<div class=\"post-content\">\n\t\t\t<a href=\"https:\/\/www.psib-psoe.org\/mallorca\/els-socialistes-de-lloret-i-endavant-lloret-arriben-a-un-acord-per-governar-plegats-els-propers-3-anys\/\" class=\"more-link\">Read More<\/a>\n\t\t<\/div>\n\t\t\t<aside class=\"post-bottom-meta hide\">\n\t\t<strong rel=\"author\" itemprop=\"author\" class=\"author vcard\"><span class=\"fn\">Albert<\/span><\/strong>\n\t\t<time class=\"date published time\" datetime=\"2024-07-03T11:51:26+02:00\" itemprop=\"datePublished\" content=\"2024-07-03T11:51:26+02:00\">03\/07\/2024<\/time>\n\t\t<meta itemprop=\"dateModified\" class=\"date updated\" content=\"2024-10-14T11:39:47+02:00\">\n\t\t<span class=\"hide\" itemprop=\"publisher\" itemscope itemtype=\"https:\/\/schema.org\/Organization\">\n\t\t\t<meta itemprop=\"name\" content=\"SocialistesdMca\">\n\t\t\t<span itemprop=\"logo\" itemscope itemtype=\"https:\/\/schema.org\/ImageObject\">\n\t\t\t\t<meta itemprop=\"url\" content=\"https:\/\/www.psib-psoe.org\/mallorca\/wp-content\/themes\/notio-wp\/assets\/img\/logo.png\">\n\t\t\t<\/span>\n\t\t\t<meta itemprop=\"url\" content=\"https:\/\/www.psib-psoe.org\/mallorca\/\">\n\t\t<\/span>\n\t\t\t\t<span class=\"hide\" itemprop=\"image\" itemscope itemtype=\"http:\/\/schema.org\/ImageObject\">\n\t\t\t<meta itemprop=\"url\" content=\"https:\/\/www.psib-psoe.org\/mallorca\/wp-content\/uploads\/Cladera-Arrom-Alonso_2.jpg\">\n\t\t\t<meta itemprop=\"width\" content=\"4032\">\n\t\t\t<meta itemprop=\"height\" content=\"3024\">\n\t\t<\/span>\n\t\t\t\t<meta itemscope itemprop=\"mainEntityOfPage\" itemtype=\"https:\/\/schema.org\/WebPage\" itemid=\"https:\/\/www.psib-psoe.org\/mallorca\/els-socialistes-de-lloret-i-endavant-lloret-arriben-a-un-acord-per-governar-plegats-els-propers-3-anys\/\">\n\t<\/aside>\n\t\t<\/article>\n<\/div>\n<div class=\"small-12 large-4 columns\">\n\t<article itemscope itemtype=\"http:\/\/schema.org\/Article\" class=\"post blog-style7 alt post-28748 type-post status-publish format-standard has-post-thumbnail hentry category-consell-de-mallorca category-federacio-de-mallorca category-federacio-de-mallorca-portada category-portada tag-campos tag-catalina-cladera tag-federacio-socialista-de-mallorca tag-javier-de-juan tag-mercedes-garrido tag-psib-psoe\" role=\"article\">\n\t\t<figure class=\"post-gallery\"><img loading=\"lazy\" decoding=\"async\" width=\"600\" height=\"400\" src=\"https:\/\/www.psib-psoe.org\/mallorca\/wp-content\/uploads\/Javier-600x400.jpeg\" class=\"attachment-notio-general-x2 size-notio-general-x2 wp-post-image\" alt=\"\" srcset=\"https:\/\/www.psib-psoe.org\/mallorca\/wp-content\/uploads\/Javier-600x400.jpeg 600w, https:\/\/www.psib-psoe.org\/mallorca\/wp-content\/uploads\/Javier-300x200.jpeg 300w, https:\/\/www.psib-psoe.org\/mallorca\/wp-content\/uploads\/Javier-20x13.jpeg 20w\" sizes=\"(max-width: 600px) 100vw, 600px\" \/><\/figure>\n\t\t<div class=\"blog-top\">\n\t\t\t<header class=\"post-title entry-header\">\n\t\t\t\t<aside class=\"post-meta cf\">\n\t\t28\/06\/2024 \/ <a href=\"https:\/\/www.psib-psoe.org\/mallorca\/category\/consell-de-mallorca\/\" rel=\"category tag\">Consell de Mallorca<\/a>, <a href=\"https:\/\/www.psib-psoe.org\/mallorca\/category\/federacio-de-mallorca\/\" rel=\"category tag\">Federaci\u00f3 de Mallorca<\/a>, <a href=\"https:\/\/www.psib-psoe.org\/mallorca\/category\/federacio-de-mallorca-portada\/\" rel=\"category tag\">Federaci\u00f3 de Mallorca - Portada<\/a>, <a href=\"https:\/\/www.psib-psoe.org\/mallorca\/category\/portada\/\" rel=\"category tag\">Portada<\/a><\/aside>\n\t\t\t\t<h3 itemprop=\"headline\"><a href=\"https:\/\/www.psib-psoe.org\/mallorca\/ppvox-empara-lurbanisme-a-la-carta-i-permet-la-legalitzacio-expres-del-poligon-industrial-de-campos\/\" title=\"PPVOX empara l&#8217;urbanisme a la carta i permet la legalitzaci\u00f3 expr\u00e9s del Pol\u00edgon Industrial de Campos.\">PPVOX empara l&#8217;urbanisme a la carta i permet la legalitzaci\u00f3 expr\u00e9s del Pol\u00edgon Industrial de Campos.<\/a><\/h3>\n\t\t\t<\/header>\n\t\t<\/div>\n\t\t<div class=\"post-content\">\n\t\t\t<a href=\"https:\/\/www.psib-psoe.org\/mallorca\/ppvox-empara-lurbanisme-a-la-carta-i-permet-la-legalitzacio-expres-del-poligon-industrial-de-campos\/\" class=\"more-link\">Read More<\/a>\n\t\t<\/div>\n\t\t\t<aside class=\"post-bottom-meta hide\">\n\t\t<strong rel=\"author\" itemprop=\"author\" class=\"author vcard\"><span class=\"fn\">Albert<\/span><\/strong>\n\t\t<time class=\"date published time\" datetime=\"2024-06-28T16:36:47+02:00\" itemprop=\"datePublished\" content=\"2024-06-28T16:36:47+02:00\">28\/06\/2024<\/time>\n\t\t<meta itemprop=\"dateModified\" class=\"date updated\" content=\"2024-10-14T11:39:47+02:00\">\n\t\t<span class=\"hide\" itemprop=\"publisher\" itemscope itemtype=\"https:\/\/schema.org\/Organization\">\n\t\t\t<meta itemprop=\"name\" content=\"SocialistesdMca\">\n\t\t\t<span itemprop=\"logo\" itemscope itemtype=\"https:\/\/schema.org\/ImageObject\">\n\t\t\t\t<meta itemprop=\"url\" content=\"https:\/\/www.psib-psoe.org\/mallorca\/wp-content\/themes\/notio-wp\/assets\/img\/logo.png\">\n\t\t\t<\/span>\n\t\t\t<meta itemprop=\"url\" content=\"https:\/\/www.psib-psoe.org\/mallorca\/\">\n\t\t<\/span>\n\t\t\t\t<span class=\"hide\" itemprop=\"image\" itemscope itemtype=\"http:\/\/schema.org\/ImageObject\">\n\t\t\t<meta itemprop=\"url\" content=\"https:\/\/www.psib-psoe.org\/mallorca\/wp-content\/uploads\/Javier.jpeg\">\n\t\t\t<meta itemprop=\"width\" content=\"828\">\n\t\t\t<meta itemprop=\"height\" content=\"1196\">\n\t\t<\/span>\n\t\t\t\t<meta itemscope itemprop=\"mainEntityOfPage\" itemtype=\"https:\/\/schema.org\/WebPage\" itemid=\"https:\/\/www.psib-psoe.org\/mallorca\/ppvox-empara-lurbanisme-a-la-carta-i-permet-la-legalitzacio-expres-del-poligon-industrial-de-campos\/\">\n\t<\/aside>\n\t\t<\/article>\n<\/div>\n<div class=\"small-12 large-4 columns\">\n\t<article itemscope itemtype=\"http:\/\/schema.org\/Article\" class=\"post blog-style7 alt post-28741 type-post status-publish format-standard has-post-thumbnail hentry category-consell-de-mallorca category-federacio-de-mallorca category-federacio-de-mallorca-portada category-portada tag-andreu-serra tag-bea-gamundi tag-biel-alomar tag-cataliina-cladera tag-federacio-socialista-de-mallorca tag-javier-de-juan tag-joan-ferrer tag-juana-m-adrover tag-maria-antonia-truyols tag-psib-psoe tag-sofia-alonso\" role=\"article\">\n\t\t<figure class=\"post-gallery\"><img loading=\"lazy\" decoding=\"async\" width=\"600\" height=\"400\" src=\"https:\/\/www.psib-psoe.org\/mallorca\/wp-content\/uploads\/Dia-2-600x400.jpeg\" class=\"attachment-notio-general-x2 size-notio-general-x2 wp-post-image\" alt=\"\" srcset=\"https:\/\/www.psib-psoe.org\/mallorca\/wp-content\/uploads\/Dia-2-600x400.jpeg 600w, https:\/\/www.psib-psoe.org\/mallorca\/wp-content\/uploads\/Dia-2-300x200.jpeg 300w, https:\/\/www.psib-psoe.org\/mallorca\/wp-content\/uploads\/Dia-2-900x600.jpeg 900w, https:\/\/www.psib-psoe.org\/mallorca\/wp-content\/uploads\/Dia-2-20x13.jpeg 20w\" sizes=\"(max-width: 600px) 100vw, 600px\" \/><\/figure>\n\t\t<div class=\"blog-top\">\n\t\t\t<header class=\"post-title entry-header\">\n\t\t\t\t<aside class=\"post-meta cf\">\n\t\t27\/06\/2024 \/ <a href=\"https:\/\/www.psib-psoe.org\/mallorca\/category\/consell-de-mallorca\/\" rel=\"category tag\">Consell de Mallorca<\/a>, <a href=\"https:\/\/www.psib-psoe.org\/mallorca\/category\/federacio-de-mallorca\/\" rel=\"category tag\">Federaci\u00f3 de Mallorca<\/a>, <a href=\"https:\/\/www.psib-psoe.org\/mallorca\/category\/federacio-de-mallorca-portada\/\" rel=\"category tag\">Federaci\u00f3 de Mallorca - Portada<\/a>, <a href=\"https:\/\/www.psib-psoe.org\/mallorca\/category\/portada\/\" rel=\"category tag\">Portada<\/a><\/aside>\n\t\t\t\t<h3 itemprop=\"headline\"><a href=\"https:\/\/www.psib-psoe.org\/mallorca\/cladera-exhorta-galmes-a-que-rompi-el-pacte-amb-el-feixisme-de-vox-i-proposa-3-pactes-de-pais-per-mallorca\/\" title=\"Cladera exhorta Galm\u00e9s a qu\u00e8 rompi el pacte amb el feixisme de Vox i proposa 3 pactes de pa\u00eds per Mallorca.\">Cladera exhorta Galm\u00e9s a qu\u00e8 rompi el pacte amb el feixisme de Vox i proposa 3 pactes de pa\u00eds per Mallorca.<\/a><\/h3>\n\t\t\t<\/header>\n\t\t<\/div>\n\t\t<div class=\"post-content\">\n\t\t\t<a href=\"https:\/\/www.psib-psoe.org\/mallorca\/cladera-exhorta-galmes-a-que-rompi-el-pacte-amb-el-feixisme-de-vox-i-proposa-3-pactes-de-pais-per-mallorca\/\" class=\"more-link\">Read More<\/a>\n\t\t<\/div>\n\t\t\t<aside class=\"post-bottom-meta hide\">\n\t\t<strong rel=\"author\" itemprop=\"author\" class=\"author vcard\"><span class=\"fn\">Albert<\/span><\/strong>\n\t\t<time class=\"date published time\" datetime=\"2024-06-27T16:23:50+02:00\" itemprop=\"datePublished\" content=\"2024-06-27T16:23:50+02:00\">27\/06\/2024<\/time>\n\t\t<meta itemprop=\"dateModified\" class=\"date updated\" content=\"2024-10-14T11:39:47+02:00\">\n\t\t<span class=\"hide\" itemprop=\"publisher\" itemscope itemtype=\"https:\/\/schema.org\/Organization\">\n\t\t\t<meta itemprop=\"name\" content=\"SocialistesdMca\">\n\t\t\t<span itemprop=\"logo\" itemscope itemtype=\"https:\/\/schema.org\/ImageObject\">\n\t\t\t\t<meta itemprop=\"url\" content=\"https:\/\/www.psib-psoe.org\/mallorca\/wp-content\/themes\/notio-wp\/assets\/img\/logo.png\">\n\t\t\t<\/span>\n\t\t\t<meta itemprop=\"url\" content=\"https:\/\/www.psib-psoe.org\/mallorca\/\">\n\t\t<\/span>\n\t\t\t\t<span class=\"hide\" itemprop=\"image\" itemscope itemtype=\"http:\/\/schema.org\/ImageObject\">\n\t\t\t<meta itemprop=\"url\" content=\"https:\/\/www.psib-psoe.org\/mallorca\/wp-content\/uploads\/Dia-2.jpeg\">\n\t\t\t<meta itemprop=\"width\" content=\"1600\">\n\t\t\t<meta itemprop=\"height\" content=\"1200\">\n\t\t<\/span>\n\t\t\t\t<meta itemscope itemprop=\"mainEntityOfPage\" itemtype=\"https:\/\/schema.org\/WebPage\" itemid=\"https:\/\/www.psib-psoe.org\/mallorca\/cladera-exhorta-galmes-a-que-rompi-el-pacte-amb-el-feixisme-de-vox-i-proposa-3-pactes-de-pais-per-mallorca\/\">\n\t<\/aside>\n\t\t<\/article>\n<\/div>\n<div class=\"small-12 large-4 columns\">\n\t<article itemscope itemtype=\"http:\/\/schema.org\/Article\" class=\"post blog-style7 alt post-28736 type-post status-publish format-standard has-post-thumbnail hentry category-consell-de-mallorca category-federacio-de-mallorca category-federacio-de-mallorca-portada category-portada tag-andreu-serra tag-bea-gamundi tag-biel-alomar tag-cataliina-cladera tag-federacio-socialista-de-mallorca tag-javier-de-juan tag-joan-ferrer tag-juana-m-adrover tag-maria-antonia-truyols tag-psib-psoe tag-sofia-alonso\" role=\"article\">\n\t\t<figure class=\"post-gallery\"><img loading=\"lazy\" decoding=\"async\" width=\"600\" height=\"400\" src=\"https:\/\/www.psib-psoe.org\/mallorca\/wp-content\/uploads\/DPG-Picornell-3-600x400.jpeg\" class=\"attachment-notio-general-x2 size-notio-general-x2 wp-post-image\" alt=\"\" srcset=\"https:\/\/www.psib-psoe.org\/mallorca\/wp-content\/uploads\/DPG-Picornell-3-600x400.jpeg 600w, https:\/\/www.psib-psoe.org\/mallorca\/wp-content\/uploads\/DPG-Picornell-3-300x200.jpeg 300w, https:\/\/www.psib-psoe.org\/mallorca\/wp-content\/uploads\/DPG-Picornell-3-900x600.jpeg 900w, https:\/\/www.psib-psoe.org\/mallorca\/wp-content\/uploads\/DPG-Picornell-3-20x13.jpeg 20w\" sizes=\"(max-width: 600px) 100vw, 600px\" \/><\/figure>\n\t\t<div class=\"blog-top\">\n\t\t\t<header class=\"post-title entry-header\">\n\t\t\t\t<aside class=\"post-meta cf\">\n\t\t26\/06\/2024 \/ <a href=\"https:\/\/www.psib-psoe.org\/mallorca\/category\/consell-de-mallorca\/\" rel=\"category tag\">Consell de Mallorca<\/a>, <a href=\"https:\/\/www.psib-psoe.org\/mallorca\/category\/federacio-de-mallorca\/\" rel=\"category tag\">Federaci\u00f3 de Mallorca<\/a>, <a href=\"https:\/\/www.psib-psoe.org\/mallorca\/category\/federacio-de-mallorca-portada\/\" rel=\"category tag\">Federaci\u00f3 de Mallorca - Portada<\/a>, <a href=\"https:\/\/www.psib-psoe.org\/mallorca\/category\/portada\/\" rel=\"category tag\">Portada<\/a><\/aside>\n\t\t\t\t<h3 itemprop=\"headline\"><a href=\"https:\/\/www.psib-psoe.org\/mallorca\/cladera-el-discurs-de-galmes-es-decebedor-i-no-aporta-cap-solucio-als-problemes-dels-mallorquins\/\" title=\"Cladera: el discurs de Galm\u00e9s \u00e9s decebedor i no aporta cap soluci\u00f3 als problemes dels mallorquins.\">Cladera: el discurs de Galm\u00e9s \u00e9s decebedor i no aporta cap soluci\u00f3 als problemes dels mallorquins.<\/a><\/h3>\n\t\t\t<\/header>\n\t\t<\/div>\n\t\t<div class=\"post-content\">\n\t\t\t<a href=\"https:\/\/www.psib-psoe.org\/mallorca\/cladera-el-discurs-de-galmes-es-decebedor-i-no-aporta-cap-solucio-als-problemes-dels-mallorquins\/\" class=\"more-link\">Read More<\/a>\n\t\t<\/div>\n\t\t\t<aside class=\"post-bottom-meta hide\">\n\t\t<strong rel=\"author\" itemprop=\"author\" class=\"author vcard\"><span class=\"fn\">Albert<\/span><\/strong>\n\t\t<time class=\"date published time\" datetime=\"2024-06-26T15:58:18+02:00\" itemprop=\"datePublished\" content=\"2024-06-26T15:58:18+02:00\">26\/06\/2024<\/time>\n\t\t<meta itemprop=\"dateModified\" class=\"date updated\" content=\"2024-10-14T11:39:47+02:00\">\n\t\t<span class=\"hide\" itemprop=\"publisher\" itemscope itemtype=\"https:\/\/schema.org\/Organization\">\n\t\t\t<meta itemprop=\"name\" content=\"SocialistesdMca\">\n\t\t\t<span itemprop=\"logo\" itemscope itemtype=\"https:\/\/schema.org\/ImageObject\">\n\t\t\t\t<meta itemprop=\"url\" content=\"https:\/\/www.psib-psoe.org\/mallorca\/wp-content\/themes\/notio-wp\/assets\/img\/logo.png\">\n\t\t\t<\/span>\n\t\t\t<meta itemprop=\"url\" content=\"https:\/\/www.psib-psoe.org\/mallorca\/\">\n\t\t<\/span>\n\t\t\t\t<span class=\"hide\" itemprop=\"image\" itemscope itemtype=\"http:\/\/schema.org\/ImageObject\">\n\t\t\t<meta itemprop=\"url\" content=\"https:\/\/www.psib-psoe.org\/mallorca\/wp-content\/uploads\/DPG-Picornell-3.jpeg\">\n\t\t\t<meta itemprop=\"width\" content=\"2048\">\n\t\t\t<meta itemprop=\"height\" content=\"1536\">\n\t\t<\/span>\n\t\t\t\t<meta itemscope itemprop=\"mainEntityOfPage\" itemtype=\"https:\/\/schema.org\/WebPage\" itemid=\"https:\/\/www.psib-psoe.org\/mallorca\/cladera-el-discurs-de-galmes-es-decebedor-i-no-aporta-cap-solucio-als-problemes-dels-mallorquins\/\">\n\t<\/aside>\n\t\t<\/article>\n<\/div>\n<div class=\"small-12 large-4 columns\">\n\t<article itemscope itemtype=\"http:\/\/schema.org\/Article\" class=\"post blog-style7 alt post-28732 type-post status-publish format-standard has-post-thumbnail hentry category-federacio-de-mallorca category-federacio-de-mallorca-portada category-portada tag-cataliina-cladera tag-cosme-bonet tag-federacio-socialista-de-mallorca tag-psib-psoe\" role=\"article\">\n\t\t<figure class=\"post-gallery\"><img loading=\"lazy\" decoding=\"async\" width=\"600\" height=\"400\" src=\"https:\/\/www.psib-psoe.org\/mallorca\/wp-content\/uploads\/210624-Lona-PSIB-PSOE-memo\u0300ria-democra\u0300tica-600x400.jpg\" class=\"attachment-notio-general-x2 size-notio-general-x2 wp-post-image\" alt=\"\" srcset=\"https:\/\/www.psib-psoe.org\/mallorca\/wp-content\/uploads\/210624-Lona-PSIB-PSOE-memo\u0300ria-democra\u0300tica-600x400.jpg 600w, https:\/\/www.psib-psoe.org\/mallorca\/wp-content\/uploads\/210624-Lona-PSIB-PSOE-memo\u0300ria-democra\u0300tica-300x200.jpg 300w, https:\/\/www.psib-psoe.org\/mallorca\/wp-content\/uploads\/210624-Lona-PSIB-PSOE-memo\u0300ria-democra\u0300tica-900x600.jpg 900w, https:\/\/www.psib-psoe.org\/mallorca\/wp-content\/uploads\/210624-Lona-PSIB-PSOE-memo\u0300ria-democra\u0300tica-20x13.jpg 20w\" sizes=\"(max-width: 600px) 100vw, 600px\" \/><\/figure>\n\t\t<div class=\"blog-top\">\n\t\t\t<header class=\"post-title entry-header\">\n\t\t\t\t<aside class=\"post-meta cf\">\n\t\t21\/06\/2024 \/ <a href=\"https:\/\/www.psib-psoe.org\/mallorca\/category\/federacio-de-mallorca\/\" rel=\"category tag\">Federaci\u00f3 de Mallorca<\/a>, <a href=\"https:\/\/www.psib-psoe.org\/mallorca\/category\/federacio-de-mallorca-portada\/\" rel=\"category tag\">Federaci\u00f3 de Mallorca - Portada<\/a>, <a href=\"https:\/\/www.psib-psoe.org\/mallorca\/category\/portada\/\" rel=\"category tag\">Portada<\/a><\/aside>\n\t\t\t\t<h3 itemprop=\"headline\"><a href=\"https:\/\/www.psib-psoe.org\/mallorca\/els-socialistes-de-mallorca-presenten-mocions-a-ajuntaments-i-consell-per-exigir-la-dimissio-de-lultra-le-senne\/\" title=\"Els Socialistes de Mallorca presenten mocions a ajuntaments i Consell per exigir la dimissi\u00f3 de l&#8217;ultra Le Senne\">Els Socialistes de Mallorca presenten mocions a ajuntaments i Consell per exigir la dimissi\u00f3 de l&#8217;ultra Le Senne<\/a><\/h3>\n\t\t\t<\/header>\n\t\t<\/div>\n\t\t<div class=\"post-content\">\n\t\t\t<a href=\"https:\/\/www.psib-psoe.org\/mallorca\/els-socialistes-de-mallorca-presenten-mocions-a-ajuntaments-i-consell-per-exigir-la-dimissio-de-lultra-le-senne\/\" class=\"more-link\">Read More<\/a>\n\t\t<\/div>\n\t\t\t<aside class=\"post-bottom-meta hide\">\n\t\t<strong rel=\"author\" itemprop=\"author\" class=\"author vcard\"><span class=\"fn\">Socialistes de Mallorca<\/span><\/strong>\n\t\t<time class=\"date published time\" datetime=\"2024-06-21T13:06:33+02:00\" itemprop=\"datePublished\" content=\"2024-06-21T13:06:33+02:00\">21\/06\/2024<\/time>\n\t\t<meta itemprop=\"dateModified\" class=\"date updated\" content=\"2024-10-14T11:39:47+02:00\">\n\t\t<span class=\"hide\" itemprop=\"publisher\" itemscope itemtype=\"https:\/\/schema.org\/Organization\">\n\t\t\t<meta itemprop=\"name\" content=\"SocialistesdMca\">\n\t\t\t<span itemprop=\"logo\" itemscope itemtype=\"https:\/\/schema.org\/ImageObject\">\n\t\t\t\t<meta itemprop=\"url\" content=\"https:\/\/www.psib-psoe.org\/mallorca\/wp-content\/themes\/notio-wp\/assets\/img\/logo.png\">\n\t\t\t<\/span>\n\t\t\t<meta itemprop=\"url\" content=\"https:\/\/www.psib-psoe.org\/mallorca\/\">\n\t\t<\/span>\n\t\t\t\t<span class=\"hide\" itemprop=\"image\" itemscope itemtype=\"http:\/\/schema.org\/ImageObject\">\n\t\t\t<meta itemprop=\"url\" content=\"https:\/\/www.psib-psoe.org\/mallorca\/wp-content\/uploads\/210624-Lona-PSIB-PSOE-memo\u0300ria-democra\u0300tica.jpg\">\n\t\t\t<meta itemprop=\"width\" content=\"4763\">\n\t\t\t<meta itemprop=\"height\" content=\"3968\">\n\t\t<\/span>\n\t\t\t\t<meta itemscope itemprop=\"mainEntityOfPage\" itemtype=\"https:\/\/schema.org\/WebPage\" itemid=\"https:\/\/www.psib-psoe.org\/mallorca\/els-socialistes-de-mallorca-presenten-mocions-a-ajuntaments-i-consell-per-exigir-la-dimissio-de-lultra-le-senne\/\">\n\t<\/aside>\n\t\t<\/article>\n<\/div>\n<div class=\"small-12 large-4 columns\">\n\t<article itemscope itemtype=\"http:\/\/schema.org\/Article\" class=\"post blog-style7 alt post-28720 type-post status-publish format-standard has-post-thumbnail hentry category-consell-de-mallorca category-federacio-de-mallorca category-federacio-de-mallorca-portada category-municipis category-portada tag-barbara-rebassa tag-bea-gamundi tag-catalina-cladera tag-fsm tag-juana-m-adrover tag-maria-antonia-truyols tag-psib-psoe tag-silvana-gonzalez tag-sofia-alonso tag-xesca-mir\" role=\"article\">\n\t\t<figure class=\"post-gallery\"><img loading=\"lazy\" decoding=\"async\" width=\"600\" height=\"400\" src=\"https:\/\/www.psib-psoe.org\/mallorca\/wp-content\/uploads\/Les-Elegides-2024-3-600x400.jpeg\" class=\"attachment-notio-general-x2 size-notio-general-x2 wp-post-image\" alt=\"\" srcset=\"https:\/\/www.psib-psoe.org\/mallorca\/wp-content\/uploads\/Les-Elegides-2024-3-600x400.jpeg 600w, https:\/\/www.psib-psoe.org\/mallorca\/wp-content\/uploads\/Les-Elegides-2024-3-300x200.jpeg 300w, https:\/\/www.psib-psoe.org\/mallorca\/wp-content\/uploads\/Les-Elegides-2024-3-20x13.jpeg 20w\" sizes=\"(max-width: 600px) 100vw, 600px\" \/><\/figure>\n\t\t<div class=\"blog-top\">\n\t\t\t<header class=\"post-title entry-header\">\n\t\t\t\t<aside class=\"post-meta cf\">\n\t\t17\/06\/2024 \/ <a href=\"https:\/\/www.psib-psoe.org\/mallorca\/category\/consell-de-mallorca\/\" rel=\"category tag\">Consell de Mallorca<\/a>, <a href=\"https:\/\/www.psib-psoe.org\/mallorca\/category\/federacio-de-mallorca\/\" rel=\"category tag\">Federaci\u00f3 de Mallorca<\/a>, <a href=\"https:\/\/www.psib-psoe.org\/mallorca\/category\/federacio-de-mallorca-portada\/\" rel=\"category tag\">Federaci\u00f3 de Mallorca - Portada<\/a>, <a href=\"https:\/\/www.psib-psoe.org\/mallorca\/category\/municipis\/\" rel=\"category tag\">Municipis<\/a>, <a href=\"https:\/\/www.psib-psoe.org\/mallorca\/category\/portada\/\" rel=\"category tag\">Portada<\/a><\/aside>\n\t\t\t\t<h3 itemprop=\"headline\"><a href=\"https:\/\/www.psib-psoe.org\/mallorca\/les-dones-electes-socialistes-de-mallorca-comparteixen-conclusions-del-recent-viatge-a-bolivia-promogut-pel-fons-de-cooperacio-mallorqui\/\" title=\"Les dones electes socialistes de Mallorca comparteixen conclusions del recent viatge a Bol\u00edvia promogut pel Fons de Cooperaci\u00f3 Mallorqu\u00ed.\">Les dones electes socialistes de Mallorca comparteixen conclusions del recent viatge a Bol\u00edvia promogut pel Fons de Cooperaci\u00f3 Mallorqu\u00ed.<\/a><\/h3>\n\t\t\t<\/header>\n\t\t<\/div>\n\t\t<div class=\"post-content\">\n\t\t\t<a href=\"https:\/\/www.psib-psoe.org\/mallorca\/les-dones-electes-socialistes-de-mallorca-comparteixen-conclusions-del-recent-viatge-a-bolivia-promogut-pel-fons-de-cooperacio-mallorqui\/\" class=\"more-link\">Read More<\/a>\n\t\t<\/div>\n\t\t\t<aside class=\"post-bottom-meta hide\">\n\t\t<strong rel=\"author\" itemprop=\"author\" class=\"author vcard\"><span class=\"fn\">Albert<\/span><\/strong>\n\t\t<time class=\"date published time\" datetime=\"2024-06-17T19:25:41+02:00\" itemprop=\"datePublished\" content=\"2024-06-17T19:25:41+02:00\">17\/06\/2024<\/time>\n\t\t<meta itemprop=\"dateModified\" class=\"date updated\" content=\"2024-10-14T11:39:47+02:00\">\n\t\t<span class=\"hide\" itemprop=\"publisher\" itemscope itemtype=\"https:\/\/schema.org\/Organization\">\n\t\t\t<meta itemprop=\"name\" content=\"SocialistesdMca\">\n\t\t\t<span itemprop=\"logo\" itemscope itemtype=\"https:\/\/schema.org\/ImageObject\">\n\t\t\t\t<meta itemprop=\"url\" content=\"https:\/\/www.psib-psoe.org\/mallorca\/wp-content\/themes\/notio-wp\/assets\/img\/logo.png\">\n\t\t\t<\/span>\n\t\t\t<meta itemprop=\"url\" content=\"https:\/\/www.psib-psoe.org\/mallorca\/\">\n\t\t<\/span>\n\t\t\t\t<span class=\"hide\" itemprop=\"image\" itemscope itemtype=\"http:\/\/schema.org\/ImageObject\">\n\t\t\t<meta itemprop=\"url\" content=\"https:\/\/www.psib-psoe.org\/mallorca\/wp-content\/uploads\/Les-Elegides-2024-3.jpeg\">\n\t\t\t<meta itemprop=\"width\" content=\"1024\">\n\t\t\t<meta itemprop=\"height\" content=\"576\">\n\t\t<\/span>\n\t\t\t\t<meta itemscope itemprop=\"mainEntityOfPage\" itemtype=\"https:\/\/schema.org\/WebPage\" itemid=\"https:\/\/www.psib-psoe.org\/mallorca\/les-dones-electes-socialistes-de-mallorca-comparteixen-conclusions-del-recent-viatge-a-bolivia-promogut-pel-fons-de-cooperacio-mallorqui\/\">\n\t<\/aside>\n\t\t<\/article>\n<\/div>\n<div class=\"small-12 large-4 columns\">\n\t<article itemscope itemtype=\"http:\/\/schema.org\/Article\" class=\"post blog-style7 alt post-28717 type-post status-publish format-standard has-post-thumbnail hentry category-federacio-de-mallorca category-federacio-de-mallorca-portada category-portada tag-amanda-fernandez tag-catalina-cladera tag-fsm tag-joan-mendez tag-joves-per-la-llengua tag-psib-psoe tag-xisca-gamundi\" role=\"article\">\n\t\t<figure class=\"post-gallery\"><img loading=\"lazy\" decoding=\"async\" width=\"600\" height=\"400\" src=\"https:\/\/www.psib-psoe.org\/mallorca\/wp-content\/uploads\/170624-PSIB-Joves-per-la-Llengua-600x400.jpeg\" class=\"attachment-notio-general-x2 size-notio-general-x2 wp-post-image\" alt=\"\" srcset=\"https:\/\/www.psib-psoe.org\/mallorca\/wp-content\/uploads\/170624-PSIB-Joves-per-la-Llengua-600x400.jpeg 600w, https:\/\/www.psib-psoe.org\/mallorca\/wp-content\/uploads\/170624-PSIB-Joves-per-la-Llengua-300x200.jpeg 300w, https:\/\/www.psib-psoe.org\/mallorca\/wp-content\/uploads\/170624-PSIB-Joves-per-la-Llengua-900x600.jpeg 900w, https:\/\/www.psib-psoe.org\/mallorca\/wp-content\/uploads\/170624-PSIB-Joves-per-la-Llengua-20x13.jpeg 20w\" sizes=\"(max-width: 600px) 100vw, 600px\" \/><\/figure>\n\t\t<div class=\"blog-top\">\n\t\t\t<header class=\"post-title entry-header\">\n\t\t\t\t<aside class=\"post-meta cf\">\n\t\t17\/06\/2024 \/ <a href=\"https:\/\/www.psib-psoe.org\/mallorca\/category\/federacio-de-mallorca\/\" rel=\"category tag\">Federaci\u00f3 de Mallorca<\/a>, <a href=\"https:\/\/www.psib-psoe.org\/mallorca\/category\/federacio-de-mallorca-portada\/\" rel=\"category tag\">Federaci\u00f3 de Mallorca - Portada<\/a>, <a href=\"https:\/\/www.psib-psoe.org\/mallorca\/category\/portada\/\" rel=\"category tag\">Portada<\/a><\/aside>\n\t\t\t\t<h3 itemprop=\"headline\"><a href=\"https:\/\/www.psib-psoe.org\/mallorca\/els-socialistes-es-comprometen-a-impulsar-lus-del-catala-a-actes-ludics-i-culturals-des-de-les-institucions\/\" title=\"Els Socialistes es comprometen a impulsar l&#8217;\u00fas del catal\u00e0 a actes l\u00fadics i culturals des de les institucions\">Els Socialistes es comprometen a impulsar l&#8217;\u00fas del catal\u00e0 a actes l\u00fadics i culturals des de les institucions<\/a><\/h3>\n\t\t\t<\/header>\n\t\t<\/div>\n\t\t<div class=\"post-content\">\n\t\t\t<a href=\"https:\/\/www.psib-psoe.org\/mallorca\/els-socialistes-es-comprometen-a-impulsar-lus-del-catala-a-actes-ludics-i-culturals-des-de-les-institucions\/\" class=\"more-link\">Read More<\/a>\n\t\t<\/div>\n\t\t\t<aside class=\"post-bottom-meta hide\">\n\t\t<strong rel=\"author\" itemprop=\"author\" class=\"author vcard\"><span class=\"fn\">Socialistes de Mallorca<\/span><\/strong>\n\t\t<time class=\"date published time\" datetime=\"2024-06-17T13:10:19+02:00\" itemprop=\"datePublished\" content=\"2024-06-17T13:10:19+02:00\">17\/06\/2024<\/time>\n\t\t<meta itemprop=\"dateModified\" class=\"date updated\" content=\"2024-10-14T11:39:47+02:00\">\n\t\t<span class=\"hide\" itemprop=\"publisher\" itemscope itemtype=\"https:\/\/schema.org\/Organization\">\n\t\t\t<meta itemprop=\"name\" content=\"SocialistesdMca\">\n\t\t\t<span itemprop=\"logo\" itemscope itemtype=\"https:\/\/schema.org\/ImageObject\">\n\t\t\t\t<meta itemprop=\"url\" content=\"https:\/\/www.psib-psoe.org\/mallorca\/wp-content\/themes\/notio-wp\/assets\/img\/logo.png\">\n\t\t\t<\/span>\n\t\t\t<meta itemprop=\"url\" content=\"https:\/\/www.psib-psoe.org\/mallorca\/\">\n\t\t<\/span>\n\t\t\t\t<span class=\"hide\" itemprop=\"image\" itemscope itemtype=\"http:\/\/schema.org\/ImageObject\">\n\t\t\t<meta itemprop=\"url\" content=\"https:\/\/www.psib-psoe.org\/mallorca\/wp-content\/uploads\/170624-PSIB-Joves-per-la-Llengua.jpeg\">\n\t\t\t<meta itemprop=\"width\" content=\"1600\">\n\t\t\t<meta itemprop=\"height\" content=\"1200\">\n\t\t<\/span>\n\t\t\t\t<meta itemscope itemprop=\"mainEntityOfPage\" itemtype=\"https:\/\/schema.org\/WebPage\" itemid=\"https:\/\/www.psib-psoe.org\/mallorca\/els-socialistes-es-comprometen-a-impulsar-lus-del-catala-a-actes-ludics-i-culturals-des-de-les-institucions\/\">\n\t<\/aside>\n\t\t<\/article>\n<\/div>\n<div class=\"small-12 large-4 columns\">\n\t<article itemscope itemtype=\"http:\/\/schema.org\/Article\" class=\"post blog-style7 alt post-28714 type-post status-publish format-standard has-post-thumbnail hentry category-federacio-de-mallorca category-federacio-de-mallorca-portada category-senat tag-ares-fernandez tag-can-cuir tag-carla-lorente tag-federacio-socialista-de-mallorca tag-fsm tag-jaume-tortella tag-mari-carmen-oses tag-psib-psoe tag-virgilio-moreno\" role=\"article\">\n\t\t<figure class=\"post-gallery\"><img loading=\"lazy\" decoding=\"async\" width=\"600\" height=\"400\" src=\"https:\/\/www.psib-psoe.org\/mallorca\/wp-content\/uploads\/150624-Acte-LGTBI-600x400.jpeg\" class=\"attachment-notio-general-x2 size-notio-general-x2 wp-post-image\" alt=\"\" srcset=\"https:\/\/www.psib-psoe.org\/mallorca\/wp-content\/uploads\/150624-Acte-LGTBI-600x400.jpeg 600w, https:\/\/www.psib-psoe.org\/mallorca\/wp-content\/uploads\/150624-Acte-LGTBI-300x200.jpeg 300w, https:\/\/www.psib-psoe.org\/mallorca\/wp-content\/uploads\/150624-Acte-LGTBI-900x600.jpeg 900w, https:\/\/www.psib-psoe.org\/mallorca\/wp-content\/uploads\/150624-Acte-LGTBI-20x13.jpeg 20w\" sizes=\"(max-width: 600px) 100vw, 600px\" \/><\/figure>\n\t\t<div class=\"blog-top\">\n\t\t\t<header class=\"post-title entry-header\">\n\t\t\t\t<aside class=\"post-meta cf\">\n\t\t15\/06\/2024 \/ <a href=\"https:\/\/www.psib-psoe.org\/mallorca\/category\/federacio-de-mallorca\/\" rel=\"category tag\">Federaci\u00f3 de Mallorca<\/a>, <a href=\"https:\/\/www.psib-psoe.org\/mallorca\/category\/federacio-de-mallorca-portada\/\" rel=\"category tag\">Federaci\u00f3 de Mallorca - Portada<\/a>, <a href=\"https:\/\/www.psib-psoe.org\/mallorca\/category\/senat\/\" rel=\"category tag\">Senat<\/a><\/aside>\n\t\t\t\t<h3 itemprop=\"headline\"><a href=\"https:\/\/www.psib-psoe.org\/mallorca\/els-socialistes-emmarquen-la-celebracio-de-lorgull-amb-una-jornada-de-debat-i-reivindicacio-sobre-politica-i-lgtbi\/\" title=\"Els Socialistes emmarquen la celebraci\u00f3 de l&#8217;Orgull amb una jornada de debat i reivindicaci\u00f3 sobre pol\u00edtica i LGTBI\">Els Socialistes emmarquen la celebraci\u00f3 de l&#8217;Orgull amb una jornada de debat i reivindicaci\u00f3 sobre pol\u00edtica i LGTBI<\/a><\/h3>\n\t\t\t<\/header>\n\t\t<\/div>\n\t\t<div class=\"post-content\">\n\t\t\t<a href=\"https:\/\/www.psib-psoe.org\/mallorca\/els-socialistes-emmarquen-la-celebracio-de-lorgull-amb-una-jornada-de-debat-i-reivindicacio-sobre-politica-i-lgtbi\/\" class=\"more-link\">Read More<\/a>\n\t\t<\/div>\n\t\t\t<aside class=\"post-bottom-meta hide\">\n\t\t<strong rel=\"author\" itemprop=\"author\" class=\"author vcard\"><span class=\"fn\">Socialistes de Mallorca<\/span><\/strong>\n\t\t<time class=\"date published time\" datetime=\"2024-06-15T10:27:16+02:00\" itemprop=\"datePublished\" content=\"2024-06-15T10:27:16+02:00\">15\/06\/2024<\/time>\n\t\t<meta itemprop=\"dateModified\" class=\"date updated\" content=\"2024-10-14T11:39:48+02:00\">\n\t\t<span class=\"hide\" itemprop=\"publisher\" itemscope itemtype=\"https:\/\/schema.org\/Organization\">\n\t\t\t<meta itemprop=\"name\" content=\"SocialistesdMca\">\n\t\t\t<span itemprop=\"logo\" itemscope itemtype=\"https:\/\/schema.org\/ImageObject\">\n\t\t\t\t<meta itemprop=\"url\" content=\"https:\/\/www.psib-psoe.org\/mallorca\/wp-content\/themes\/notio-wp\/assets\/img\/logo.png\">\n\t\t\t<\/span>\n\t\t\t<meta itemprop=\"url\" content=\"https:\/\/www.psib-psoe.org\/mallorca\/\">\n\t\t<\/span>\n\t\t\t\t<span class=\"hide\" itemprop=\"image\" itemscope itemtype=\"http:\/\/schema.org\/ImageObject\">\n\t\t\t<meta itemprop=\"url\" content=\"https:\/\/www.psib-psoe.org\/mallorca\/wp-content\/uploads\/150624-Acte-LGTBI.jpeg\">\n\t\t\t<meta itemprop=\"width\" content=\"2048\">\n\t\t\t<meta itemprop=\"height\" content=\"1536\">\n\t\t<\/span>\n\t\t\t\t<meta itemscope itemprop=\"mainEntityOfPage\" itemtype=\"https:\/\/schema.org\/WebPage\" itemid=\"https:\/\/www.psib-psoe.org\/mallorca\/els-socialistes-emmarquen-la-celebracio-de-lorgull-amb-una-jornada-de-debat-i-reivindicacio-sobre-politica-i-lgtbi\/\">\n\t<\/aside>\n\t\t<\/article>\n<\/div>\n<div class=\"small-12 large-4 columns\">\n\t<article itemscope itemtype=\"http:\/\/schema.org\/Article\" class=\"post blog-style7 alt post-28711 type-post status-publish format-standard has-post-thumbnail hentry category-consell-de-mallorca category-federacio-de-mallorca category-federacio-de-mallorca-portada category-municipis category-portada tag-agrupacio-socialista-dandratx tag-antoni-mir tag-catalina-cladera tag-enaitz-inan tag-javier-de-juan tag-juana-m-adrover tag-marina tag-psib-psoe tag-socialistes-de-mallorca tag-sofia-alonso\" role=\"article\">\n\t\t<figure class=\"post-gallery\"><img loading=\"lazy\" decoding=\"async\" width=\"600\" height=\"400\" src=\"https:\/\/www.psib-psoe.org\/mallorca\/wp-content\/uploads\/Andratx-resid\u00e8ncia-600x400.jpeg\" class=\"attachment-notio-general-x2 size-notio-general-x2 wp-post-image\" alt=\"\" srcset=\"https:\/\/www.psib-psoe.org\/mallorca\/wp-content\/uploads\/Andratx-resid\u00e8ncia-600x400.jpeg 600w, https:\/\/www.psib-psoe.org\/mallorca\/wp-content\/uploads\/Andratx-resid\u00e8ncia-300x200.jpeg 300w, https:\/\/www.psib-psoe.org\/mallorca\/wp-content\/uploads\/Andratx-resid\u00e8ncia-900x600.jpeg 900w, https:\/\/www.psib-psoe.org\/mallorca\/wp-content\/uploads\/Andratx-resid\u00e8ncia-20x13.jpeg 20w\" sizes=\"(max-width: 600px) 100vw, 600px\" \/><\/figure>\n\t\t<div class=\"blog-top\">\n\t\t\t<header class=\"post-title entry-header\">\n\t\t\t\t<aside class=\"post-meta cf\">\n\t\t14\/06\/2024 \/ <a href=\"https:\/\/www.psib-psoe.org\/mallorca\/category\/consell-de-mallorca\/\" rel=\"category tag\">Consell de Mallorca<\/a>, <a href=\"https:\/\/www.psib-psoe.org\/mallorca\/category\/federacio-de-mallorca\/\" rel=\"category tag\">Federaci\u00f3 de Mallorca<\/a>, <a href=\"https:\/\/www.psib-psoe.org\/mallorca\/category\/federacio-de-mallorca-portada\/\" rel=\"category tag\">Federaci\u00f3 de Mallorca - Portada<\/a>, <a href=\"https:\/\/www.psib-psoe.org\/mallorca\/category\/municipis\/\" rel=\"category tag\">Municipis<\/a>, <a href=\"https:\/\/www.psib-psoe.org\/mallorca\/category\/portada\/\" rel=\"category tag\">Portada<\/a><\/aside>\n\t\t\t\t<h3 itemprop=\"headline\"><a href=\"https:\/\/www.psib-psoe.org\/mallorca\/cladera-la-gent-gran-dandratx-ja-hauria-de-tenir-la-nova-residencia-en-funcionament-i-no-una-autoritzacio-dun-projecte-dobra\/\" title=\"Cladera: &#8220;la gent gran d&#8217;Andratx ja hauria de tenir la nova resid\u00e8ncia en funcionament, i no una autoritzaci\u00f3 d&#8217;un projecte d&#8217;obra&#8221;.\">Cladera: &#8220;la gent gran d&#8217;Andratx ja hauria de tenir la nova resid\u00e8ncia en funcionament, i no una autoritzaci\u00f3 d&#8217;un projecte d&#8217;obra&#8221;.<\/a><\/h3>\n\t\t\t<\/header>\n\t\t<\/div>\n\t\t<div class=\"post-content\">\n\t\t\t<a href=\"https:\/\/www.psib-psoe.org\/mallorca\/cladera-la-gent-gran-dandratx-ja-hauria-de-tenir-la-nova-residencia-en-funcionament-i-no-una-autoritzacio-dun-projecte-dobra\/\" class=\"more-link\">Read More<\/a>\n\t\t<\/div>\n\t\t\t<aside class=\"post-bottom-meta hide\">\n\t\t<strong rel=\"author\" itemprop=\"author\" class=\"author vcard\"><span class=\"fn\">Albert<\/span><\/strong>\n\t\t<time class=\"date published time\" datetime=\"2024-06-14T11:37:57+02:00\" itemprop=\"datePublished\" content=\"2024-06-14T11:37:57+02:00\">14\/06\/2024<\/time>\n\t\t<meta itemprop=\"dateModified\" class=\"date updated\" content=\"2024-10-14T11:39:48+02:00\">\n\t\t<span class=\"hide\" itemprop=\"publisher\" itemscope itemtype=\"https:\/\/schema.org\/Organization\">\n\t\t\t<meta itemprop=\"name\" content=\"SocialistesdMca\">\n\t\t\t<span itemprop=\"logo\" itemscope itemtype=\"https:\/\/schema.org\/ImageObject\">\n\t\t\t\t<meta itemprop=\"url\" content=\"https:\/\/www.psib-psoe.org\/mallorca\/wp-content\/themes\/notio-wp\/assets\/img\/logo.png\">\n\t\t\t<\/span>\n\t\t\t<meta itemprop=\"url\" content=\"https:\/\/www.psib-psoe.org\/mallorca\/\">\n\t\t<\/span>\n\t\t\t\t<span class=\"hide\" itemprop=\"image\" itemscope itemtype=\"http:\/\/schema.org\/ImageObject\">\n\t\t\t<meta itemprop=\"url\" content=\"https:\/\/www.psib-psoe.org\/mallorca\/wp-content\/uploads\/Andratx-resid\u00e8ncia.jpeg\">\n\t\t\t<meta itemprop=\"width\" content=\"1600\">\n\t\t\t<meta itemprop=\"height\" content=\"1200\">\n\t\t<\/span>\n\t\t\t\t<meta itemscope itemprop=\"mainEntityOfPage\" itemtype=\"https:\/\/schema.org\/WebPage\" itemid=\"https:\/\/www.psib-psoe.org\/mallorca\/cladera-la-gent-gran-dandratx-ja-hauria-de-tenir-la-nova-residencia-en-funcionament-i-no-una-autoritzacio-dun-projecte-dobra\/\">\n\t<\/aside>\n\t\t<\/article>\n<\/div>\n<div class=\"small-12 large-4 columns\">\n\t<article itemscope itemtype=\"http:\/\/schema.org\/Article\" class=\"post blog-style7 alt post-28707 type-post status-publish format-standard has-post-thumbnail hentry category-consell-de-mallorca category-federacio-de-mallorca category-federacio-de-mallorca-portada category-municipis category-portada tag-catalina-cladera tag-javier-de-juan tag-joan-ferrer tag-juana-m-adrover tag-psib-psoe tag-socialistes-de-mallorca\" role=\"article\">\n\t\t<figure class=\"post-gallery\"><img loading=\"lazy\" decoding=\"async\" width=\"600\" height=\"400\" src=\"https:\/\/www.psib-psoe.org\/mallorca\/wp-content\/uploads\/Grup-600x400.jpeg\" class=\"attachment-notio-general-x2 size-notio-general-x2 wp-post-image\" alt=\"\" srcset=\"https:\/\/www.psib-psoe.org\/mallorca\/wp-content\/uploads\/Grup-600x400.jpeg 600w, https:\/\/www.psib-psoe.org\/mallorca\/wp-content\/uploads\/Grup-300x200.jpeg 300w, https:\/\/www.psib-psoe.org\/mallorca\/wp-content\/uploads\/Grup-900x600.jpeg 900w, https:\/\/www.psib-psoe.org\/mallorca\/wp-content\/uploads\/Grup-20x13.jpeg 20w\" sizes=\"(max-width: 600px) 100vw, 600px\" \/><\/figure>\n\t\t<div class=\"blog-top\">\n\t\t\t<header class=\"post-title entry-header\">\n\t\t\t\t<aside class=\"post-meta cf\">\n\t\t13\/06\/2024 \/ <a href=\"https:\/\/www.psib-psoe.org\/mallorca\/category\/consell-de-mallorca\/\" rel=\"category tag\">Consell de Mallorca<\/a>, <a href=\"https:\/\/www.psib-psoe.org\/mallorca\/category\/federacio-de-mallorca\/\" rel=\"category tag\">Federaci\u00f3 de Mallorca<\/a>, <a href=\"https:\/\/www.psib-psoe.org\/mallorca\/category\/federacio-de-mallorca-portada\/\" rel=\"category tag\">Federaci\u00f3 de Mallorca - Portada<\/a>, <a href=\"https:\/\/www.psib-psoe.org\/mallorca\/category\/municipis\/\" rel=\"category tag\">Municipis<\/a>, <a href=\"https:\/\/www.psib-psoe.org\/mallorca\/category\/portada\/\" rel=\"category tag\">Portada<\/a><\/aside>\n\t\t\t\t<h3 itemprop=\"headline\"><a href=\"https:\/\/www.psib-psoe.org\/mallorca\/el-consell-de-mallorca-ppvox-abraca-el-decret-depredador-del-territori-del-govern-prohens-i-rebutja-les-mesures-palliatives-en-materia-dhabitatge-turisme-i-mobilitat-dels-socialistes\/\" title=\"El Consell de Mallorca PPVOX abra\u00e7a el Decret depredador del territori del Govern Prohens, i rebutja les mesures pal\u00b7liatives en mat\u00e8ria d&#8217;habitatge, turisme, i mobilitat dels Socialistes.\">El Consell de Mallorca PPVOX abra\u00e7a el Decret depredador del territori del Govern Prohens, i rebutja les mesures pal\u00b7liatives en mat\u00e8ria d&#8217;habitatge, turisme, i mobilitat dels Socialistes.<\/a><\/h3>\n\t\t\t<\/header>\n\t\t<\/div>\n\t\t<div class=\"post-content\">\n\t\t\t<a href=\"https:\/\/www.psib-psoe.org\/mallorca\/el-consell-de-mallorca-ppvox-abraca-el-decret-depredador-del-territori-del-govern-prohens-i-rebutja-les-mesures-palliatives-en-materia-dhabitatge-turisme-i-mobilitat-dels-socialistes\/\" class=\"more-link\">Read More<\/a>\n\t\t<\/div>\n\t\t\t<aside class=\"post-bottom-meta hide\">\n\t\t<strong rel=\"author\" itemprop=\"author\" class=\"author vcard\"><span class=\"fn\">Albert<\/span><\/strong>\n\t\t<time class=\"date published time\" datetime=\"2024-06-13T18:23:32+02:00\" itemprop=\"datePublished\" content=\"2024-06-13T18:23:32+02:00\">13\/06\/2024<\/time>\n\t\t<meta itemprop=\"dateModified\" class=\"date updated\" content=\"2024-10-14T11:39:48+02:00\">\n\t\t<span class=\"hide\" itemprop=\"publisher\" itemscope itemtype=\"https:\/\/schema.org\/Organization\">\n\t\t\t<meta itemprop=\"name\" content=\"SocialistesdMca\">\n\t\t\t<span itemprop=\"logo\" itemscope itemtype=\"https:\/\/schema.org\/ImageObject\">\n\t\t\t\t<meta itemprop=\"url\" content=\"https:\/\/www.psib-psoe.org\/mallorca\/wp-content\/themes\/notio-wp\/assets\/img\/logo.png\">\n\t\t\t<\/span>\n\t\t\t<meta itemprop=\"url\" content=\"https:\/\/www.psib-psoe.org\/mallorca\/\">\n\t\t<\/span>\n\t\t\t\t<span class=\"hide\" itemprop=\"image\" itemscope itemtype=\"http:\/\/schema.org\/ImageObject\">\n\t\t\t<meta itemprop=\"url\" content=\"https:\/\/www.psib-psoe.org\/mallorca\/wp-content\/uploads\/Grup.jpeg\">\n\t\t\t<meta itemprop=\"width\" content=\"2048\">\n\t\t\t<meta itemprop=\"height\" content=\"1536\">\n\t\t<\/span>\n\t\t\t\t<meta itemscope itemprop=\"mainEntityOfPage\" itemtype=\"https:\/\/schema.org\/WebPage\" itemid=\"https:\/\/www.psib-psoe.org\/mallorca\/el-consell-de-mallorca-ppvox-abraca-el-decret-depredador-del-territori-del-govern-prohens-i-rebutja-les-mesures-palliatives-en-materia-dhabitatge-turisme-i-mobilitat-dels-socialistes\/\">\n\t<\/aside>\n\t\t<\/article>\n<\/div>\n<div class=\"small-12 large-4 columns\">\n\t<article itemscope itemtype=\"http:\/\/schema.org\/Article\" class=\"post blog-style7 alt post-28702 type-post status-publish format-standard has-post-thumbnail hentry category-consell-de-mallorca category-federacio-de-mallorca category-federacio-de-mallorca-portada category-municipis category-portada tag-catalina-cladera tag-javier-de-juan tag-joan-ferrer tag-juana-m-adrover tag-psib-psoe tag-socialistes-de-mallorca tag-sofia-alonso\" role=\"article\">\n\t\t<figure class=\"post-gallery\"><img loading=\"lazy\" decoding=\"async\" width=\"600\" height=\"400\" src=\"https:\/\/www.psib-psoe.org\/mallorca\/wp-content\/uploads\/WhatsApp-Image-2024-06-12-at-19.27.52-600x400.jpeg\" class=\"attachment-notio-general-x2 size-notio-general-x2 wp-post-image\" alt=\"\" srcset=\"https:\/\/www.psib-psoe.org\/mallorca\/wp-content\/uploads\/WhatsApp-Image-2024-06-12-at-19.27.52-600x400.jpeg 600w, https:\/\/www.psib-psoe.org\/mallorca\/wp-content\/uploads\/WhatsApp-Image-2024-06-12-at-19.27.52-300x200.jpeg 300w, https:\/\/www.psib-psoe.org\/mallorca\/wp-content\/uploads\/WhatsApp-Image-2024-06-12-at-19.27.52-900x600.jpeg 900w, https:\/\/www.psib-psoe.org\/mallorca\/wp-content\/uploads\/WhatsApp-Image-2024-06-12-at-19.27.52-20x13.jpeg 20w\" sizes=\"(max-width: 600px) 100vw, 600px\" \/><\/figure>\n\t\t<div class=\"blog-top\">\n\t\t\t<header class=\"post-title entry-header\">\n\t\t\t\t<aside class=\"post-meta cf\">\n\t\t13\/06\/2024 \/ <a href=\"https:\/\/www.psib-psoe.org\/mallorca\/category\/consell-de-mallorca\/\" rel=\"category tag\">Consell de Mallorca<\/a>, <a href=\"https:\/\/www.psib-psoe.org\/mallorca\/category\/federacio-de-mallorca\/\" rel=\"category tag\">Federaci\u00f3 de Mallorca<\/a>, <a href=\"https:\/\/www.psib-psoe.org\/mallorca\/category\/federacio-de-mallorca-portada\/\" rel=\"category tag\">Federaci\u00f3 de Mallorca - Portada<\/a>, <a href=\"https:\/\/www.psib-psoe.org\/mallorca\/category\/municipis\/\" rel=\"category tag\">Municipis<\/a>, <a href=\"https:\/\/www.psib-psoe.org\/mallorca\/category\/portada\/\" rel=\"category tag\">Portada<\/a><\/aside>\n\t\t\t\t<h3 itemprop=\"headline\"><a href=\"https:\/\/www.psib-psoe.org\/mallorca\/el-grup-socialista-felicita-a-les-persones-empreses-i-entitats-distingides-amb-els-premis-honors-i-distincions-del-consell-de-mallorca-2024\/\" title=\"El Grup Socialista felicita a les persones, empreses i entitats distingides amb els Premis, Honors i Distincions del Consell de Mallorca 2024.\">El Grup Socialista felicita a les persones, empreses i entitats distingides amb els Premis, Honors i Distincions del Consell de Mallorca 2024.<\/a><\/h3>\n\t\t\t<\/header>\n\t\t<\/div>\n\t\t<div class=\"post-content\">\n\t\t\t<a href=\"https:\/\/www.psib-psoe.org\/mallorca\/el-grup-socialista-felicita-a-les-persones-empreses-i-entitats-distingides-amb-els-premis-honors-i-distincions-del-consell-de-mallorca-2024\/\" class=\"more-link\">Read More<\/a>\n\t\t<\/div>\n\t\t\t<aside class=\"post-bottom-meta hide\">\n\t\t<strong rel=\"author\" itemprop=\"author\" class=\"author vcard\"><span class=\"fn\">Albert<\/span><\/strong>\n\t\t<time class=\"date published time\" datetime=\"2024-06-13T12:36:37+02:00\" itemprop=\"datePublished\" content=\"2024-06-13T12:36:37+02:00\">13\/06\/2024<\/time>\n\t\t<meta itemprop=\"dateModified\" class=\"date updated\" content=\"2024-10-14T11:39:48+02:00\">\n\t\t<span class=\"hide\" itemprop=\"publisher\" itemscope itemtype=\"https:\/\/schema.org\/Organization\">\n\t\t\t<meta itemprop=\"name\" content=\"SocialistesdMca\">\n\t\t\t<span itemprop=\"logo\" itemscope itemtype=\"https:\/\/schema.org\/ImageObject\">\n\t\t\t\t<meta itemprop=\"url\" content=\"https:\/\/www.psib-psoe.org\/mallorca\/wp-content\/themes\/notio-wp\/assets\/img\/logo.png\">\n\t\t\t<\/span>\n\t\t\t<meta itemprop=\"url\" content=\"https:\/\/www.psib-psoe.org\/mallorca\/\">\n\t\t<\/span>\n\t\t\t\t<span class=\"hide\" itemprop=\"image\" itemscope itemtype=\"http:\/\/schema.org\/ImageObject\">\n\t\t\t<meta itemprop=\"url\" content=\"https:\/\/www.psib-psoe.org\/mallorca\/wp-content\/uploads\/WhatsApp-Image-2024-06-12-at-19.27.52.jpeg\">\n\t\t\t<meta itemprop=\"width\" content=\"1080\">\n\t\t\t<meta itemprop=\"height\" content=\"1080\">\n\t\t<\/span>\n\t\t\t\t<meta itemscope itemprop=\"mainEntityOfPage\" itemtype=\"https:\/\/schema.org\/WebPage\" itemid=\"https:\/\/www.psib-psoe.org\/mallorca\/el-grup-socialista-felicita-a-les-persones-empreses-i-entitats-distingides-amb-els-premis-honors-i-distincions-del-consell-de-mallorca-2024\/\">\n\t<\/aside>\n\t\t<\/article>\n<\/div>\n<div class=\"small-12 large-4 columns\">\n\t<article itemscope itemtype=\"http:\/\/schema.org\/Article\" class=\"post blog-style7 alt post-28698 type-post status-publish format-standard has-post-thumbnail hentry category-consell-de-mallorca category-federacio-de-mallorca category-federacio-de-mallorca-portada category-municipis category-portada tag-catalina-cladera tag-javier-de-juan tag-psib-psoe tag-socialistes-de-mallorca tag-sofia-alonso\" role=\"article\">\n\t\t<figure class=\"post-gallery\"><img loading=\"lazy\" decoding=\"async\" width=\"600\" height=\"400\" src=\"https:\/\/www.psib-psoe.org\/mallorca\/wp-content\/uploads\/Sofia-Alonso-600x400.jpg\" class=\"attachment-notio-general-x2 size-notio-general-x2 wp-post-image\" alt=\"\" srcset=\"https:\/\/www.psib-psoe.org\/mallorca\/wp-content\/uploads\/Sofia-Alonso-600x400.jpg 600w, https:\/\/www.psib-psoe.org\/mallorca\/wp-content\/uploads\/Sofia-Alonso-300x200.jpg 300w, https:\/\/www.psib-psoe.org\/mallorca\/wp-content\/uploads\/Sofia-Alonso-900x600.jpg 900w, https:\/\/www.psib-psoe.org\/mallorca\/wp-content\/uploads\/Sofia-Alonso-20x13.jpg 20w\" sizes=\"(max-width: 600px) 100vw, 600px\" \/><\/figure>\n\t\t<div class=\"blog-top\">\n\t\t\t<header class=\"post-title entry-header\">\n\t\t\t\t<aside class=\"post-meta cf\">\n\t\t11\/06\/2024 \/ <a href=\"https:\/\/www.psib-psoe.org\/mallorca\/category\/consell-de-mallorca\/\" rel=\"category tag\">Consell de Mallorca<\/a>, <a href=\"https:\/\/www.psib-psoe.org\/mallorca\/category\/federacio-de-mallorca\/\" rel=\"category tag\">Federaci\u00f3 de Mallorca<\/a>, <a href=\"https:\/\/www.psib-psoe.org\/mallorca\/category\/federacio-de-mallorca-portada\/\" rel=\"category tag\">Federaci\u00f3 de Mallorca - Portada<\/a>, <a href=\"https:\/\/www.psib-psoe.org\/mallorca\/category\/municipis\/\" rel=\"category tag\">Municipis<\/a>, <a href=\"https:\/\/www.psib-psoe.org\/mallorca\/category\/portada\/\" rel=\"category tag\">Portada<\/a><\/aside>\n\t\t\t\t<h3 itemprop=\"headline\"><a href=\"https:\/\/www.psib-psoe.org\/mallorca\/els-socialistes-demanen-explicacions-a-limas-per-lexposicio-publica-dinfants-tutelats-davant-de-milions-de-persones-en-la-previa-del-partit-de-la-seleccio-espanyola-de-futbol-a-mallorca\/\" title=\"Els Socialistes demanen explicacions a l&#8217;IMAS per l&#8217;exposici\u00f3 p\u00fablica d&#8217;infants tutelats davant de milions de persones en la pr\u00e8via del partit de la Selecci\u00f3 Espanyola de futbol a Mallorca.\">Els Socialistes demanen explicacions a l&#8217;IMAS per l&#8217;exposici\u00f3 p\u00fablica d&#8217;infants tutelats davant de milions de persones en la pr\u00e8via del partit de la Selecci\u00f3 Espanyola de futbol a Mallorca.<\/a><\/h3>\n\t\t\t<\/header>\n\t\t<\/div>\n\t\t<div class=\"post-content\">\n\t\t\t<a href=\"https:\/\/www.psib-psoe.org\/mallorca\/els-socialistes-demanen-explicacions-a-limas-per-lexposicio-publica-dinfants-tutelats-davant-de-milions-de-persones-en-la-previa-del-partit-de-la-seleccio-espanyola-de-futbol-a-mallorca\/\" class=\"more-link\">Read More<\/a>\n\t\t<\/div>\n\t\t\t<aside class=\"post-bottom-meta hide\">\n\t\t<strong rel=\"author\" itemprop=\"author\" class=\"author vcard\"><span class=\"fn\">Albert<\/span><\/strong>\n\t\t<time class=\"date published time\" datetime=\"2024-06-11T10:45:38+02:00\" itemprop=\"datePublished\" content=\"2024-06-11T10:45:38+02:00\">11\/06\/2024<\/time>\n\t\t<meta itemprop=\"dateModified\" class=\"date updated\" content=\"2024-10-14T11:39:48+02:00\">\n\t\t<span class=\"hide\" itemprop=\"publisher\" itemscope itemtype=\"https:\/\/schema.org\/Organization\">\n\t\t\t<meta itemprop=\"name\" content=\"SocialistesdMca\">\n\t\t\t<span itemprop=\"logo\" itemscope itemtype=\"https:\/\/schema.org\/ImageObject\">\n\t\t\t\t<meta itemprop=\"url\" content=\"https:\/\/www.psib-psoe.org\/mallorca\/wp-content\/themes\/notio-wp\/assets\/img\/logo.png\">\n\t\t\t<\/span>\n\t\t\t<meta itemprop=\"url\" content=\"https:\/\/www.psib-psoe.org\/mallorca\/\">\n\t\t<\/span>\n\t\t\t\t<span class=\"hide\" itemprop=\"image\" itemscope itemtype=\"http:\/\/schema.org\/ImageObject\">\n\t\t\t<meta itemprop=\"url\" content=\"https:\/\/www.psib-psoe.org\/mallorca\/wp-content\/uploads\/Sofia-Alonso.jpg\">\n\t\t\t<meta itemprop=\"width\" content=\"2048\">\n\t\t\t<meta itemprop=\"height\" content=\"1810\">\n\t\t<\/span>\n\t\t\t\t<meta itemscope itemprop=\"mainEntityOfPage\" itemtype=\"https:\/\/schema.org\/WebPage\" itemid=\"https:\/\/www.psib-psoe.org\/mallorca\/els-socialistes-demanen-explicacions-a-limas-per-lexposicio-publica-dinfants-tutelats-davant-de-milions-de-persones-en-la-previa-del-partit-de-la-seleccio-espanyola-de-futbol-a-mallorca\/\">\n\t<\/aside>\n\t\t<\/article>\n<\/div>\n<div class=\"small-12 large-4 columns\">\n\t<article itemscope itemtype=\"http:\/\/schema.org\/Article\" class=\"post blog-style7 alt post-28689 type-post status-publish format-standard has-post-thumbnail hentry category-consell-de-mallorca category-federacio-de-mallorca category-federacio-de-mallorca-portada category-municipis category-portada tag-catalina-cladera tag-javier-de-juan tag-psib-psoe tag-socialistes-de-mallorca\" role=\"article\">\n\t\t<figure class=\"post-gallery\"><img loading=\"lazy\" decoding=\"async\" width=\"600\" height=\"400\" src=\"https:\/\/www.psib-psoe.org\/mallorca\/wp-content\/uploads\/Imatge-1-600x400.jpeg\" class=\"attachment-notio-general-x2 size-notio-general-x2 wp-post-image\" alt=\"\" srcset=\"https:\/\/www.psib-psoe.org\/mallorca\/wp-content\/uploads\/Imatge-1-600x400.jpeg 600w, https:\/\/www.psib-psoe.org\/mallorca\/wp-content\/uploads\/Imatge-1-300x200.jpeg 300w, https:\/\/www.psib-psoe.org\/mallorca\/wp-content\/uploads\/Imatge-1-900x600.jpeg 900w, https:\/\/www.psib-psoe.org\/mallorca\/wp-content\/uploads\/Imatge-1-20x13.jpeg 20w\" sizes=\"(max-width: 600px) 100vw, 600px\" \/><\/figure>\n\t\t<div class=\"blog-top\">\n\t\t\t<header class=\"post-title entry-header\">\n\t\t\t\t<aside class=\"post-meta cf\">\n\t\t06\/06\/2024 \/ <a href=\"https:\/\/www.psib-psoe.org\/mallorca\/category\/consell-de-mallorca\/\" rel=\"category tag\">Consell de Mallorca<\/a>, <a href=\"https:\/\/www.psib-psoe.org\/mallorca\/category\/federacio-de-mallorca\/\" rel=\"category tag\">Federaci\u00f3 de Mallorca<\/a>, <a href=\"https:\/\/www.psib-psoe.org\/mallorca\/category\/federacio-de-mallorca-portada\/\" rel=\"category tag\">Federaci\u00f3 de Mallorca - Portada<\/a>, <a href=\"https:\/\/www.psib-psoe.org\/mallorca\/category\/municipis\/\" rel=\"category tag\">Municipis<\/a>, <a href=\"https:\/\/www.psib-psoe.org\/mallorca\/category\/portada\/\" rel=\"category tag\">Portada<\/a><\/aside>\n\t\t\t\t<h3 itemprop=\"headline\"><a href=\"https:\/\/www.psib-psoe.org\/mallorca\/els-socialistes-presenten-iniciatives-al-ple-del-consell-en-contra-del-major-atemptat-ambiental-i-territorial-a-mallorca-que-suposa-el-decret-omnibus-del-govern\/\" title=\"Els Socialistes presenten iniciatives al ple del Consell &#8220;en contra del  major atemptat ambiental i territorial a Mallorca&#8221;, que suposa el Decret \u00d2mnibus del Govern.\">Els Socialistes presenten iniciatives al ple del Consell &#8220;en contra del  major atemptat ambiental i territorial a Mallorca&#8221;, que suposa el Decret \u00d2mnibus del Govern.<\/a><\/h3>\n\t\t\t<\/header>\n\t\t<\/div>\n\t\t<div class=\"post-content\">\n\t\t\t<a href=\"https:\/\/www.psib-psoe.org\/mallorca\/els-socialistes-presenten-iniciatives-al-ple-del-consell-en-contra-del-major-atemptat-ambiental-i-territorial-a-mallorca-que-suposa-el-decret-omnibus-del-govern\/\" class=\"more-link\">Read More<\/a>\n\t\t<\/div>\n\t\t\t<aside class=\"post-bottom-meta hide\">\n\t\t<strong rel=\"author\" itemprop=\"author\" class=\"author vcard\"><span class=\"fn\">Albert<\/span><\/strong>\n\t\t<time class=\"date published time\" datetime=\"2024-06-06T13:13:02+02:00\" itemprop=\"datePublished\" content=\"2024-06-06T13:13:02+02:00\">06\/06\/2024<\/time>\n\t\t<meta itemprop=\"dateModified\" class=\"date updated\" content=\"2024-10-14T11:39:48+02:00\">\n\t\t<span class=\"hide\" itemprop=\"publisher\" itemscope itemtype=\"https:\/\/schema.org\/Organization\">\n\t\t\t<meta itemprop=\"name\" content=\"SocialistesdMca\">\n\t\t\t<span itemprop=\"logo\" itemscope itemtype=\"https:\/\/schema.org\/ImageObject\">\n\t\t\t\t<meta itemprop=\"url\" content=\"https:\/\/www.psib-psoe.org\/mallorca\/wp-content\/themes\/notio-wp\/assets\/img\/logo.png\">\n\t\t\t<\/span>\n\t\t\t<meta itemprop=\"url\" content=\"https:\/\/www.psib-psoe.org\/mallorca\/\">\n\t\t<\/span>\n\t\t\t\t<span class=\"hide\" itemprop=\"image\" itemscope itemtype=\"http:\/\/schema.org\/ImageObject\">\n\t\t\t<meta itemprop=\"url\" content=\"https:\/\/www.psib-psoe.org\/mallorca\/wp-content\/uploads\/Imatge-1.jpeg\">\n\t\t\t<meta itemprop=\"width\" content=\"2048\">\n\t\t\t<meta itemprop=\"height\" content=\"1536\">\n\t\t<\/span>\n\t\t\t\t<meta itemscope itemprop=\"mainEntityOfPage\" itemtype=\"https:\/\/schema.org\/WebPage\" itemid=\"https:\/\/www.psib-psoe.org\/mallorca\/els-socialistes-presenten-iniciatives-al-ple-del-consell-en-contra-del-major-atemptat-ambiental-i-territorial-a-mallorca-que-suposa-el-decret-omnibus-del-govern\/\">\n\t<\/aside>\n\t\t<\/article>\n<\/div>\n<div class=\"small-12 large-4 columns\">\n\t<article itemscope itemtype=\"http:\/\/schema.org\/Article\" class=\"post blog-style7 alt post-28680 type-post status-publish format-standard has-post-thumbnail hentry category-consell-de-mallorca category-federacio-de-mallorca category-federacio-de-mallorca-portada category-municipis category-portada tag-catalina-cladera tag-psib-psoe tag-raixa tag-socialistes-de-mallorca\" role=\"article\">\n\t\t<figure class=\"post-gallery\"><img loading=\"lazy\" decoding=\"async\" width=\"600\" height=\"400\" src=\"https:\/\/www.psib-psoe.org\/mallorca\/wp-content\/uploads\/Cladera-2-600x400.jpeg\" class=\"attachment-notio-general-x2 size-notio-general-x2 wp-post-image\" alt=\"\" srcset=\"https:\/\/www.psib-psoe.org\/mallorca\/wp-content\/uploads\/Cladera-2-600x400.jpeg 600w, https:\/\/www.psib-psoe.org\/mallorca\/wp-content\/uploads\/Cladera-2-300x200.jpeg 300w, https:\/\/www.psib-psoe.org\/mallorca\/wp-content\/uploads\/Cladera-2-900x600.jpeg 900w, https:\/\/www.psib-psoe.org\/mallorca\/wp-content\/uploads\/Cladera-2-20x13.jpeg 20w\" sizes=\"(max-width: 600px) 100vw, 600px\" \/><\/figure>\n\t\t<div class=\"blog-top\">\n\t\t\t<header class=\"post-title entry-header\">\n\t\t\t\t<aside class=\"post-meta cf\">\n\t\t04\/06\/2024 \/ <a href=\"https:\/\/www.psib-psoe.org\/mallorca\/category\/consell-de-mallorca\/\" rel=\"category tag\">Consell de Mallorca<\/a>, <a href=\"https:\/\/www.psib-psoe.org\/mallorca\/category\/federacio-de-mallorca\/\" rel=\"category tag\">Federaci\u00f3 de Mallorca<\/a>, <a href=\"https:\/\/www.psib-psoe.org\/mallorca\/category\/federacio-de-mallorca-portada\/\" rel=\"category tag\">Federaci\u00f3 de Mallorca - Portada<\/a>, <a href=\"https:\/\/www.psib-psoe.org\/mallorca\/category\/municipis\/\" rel=\"category tag\">Municipis<\/a>, <a href=\"https:\/\/www.psib-psoe.org\/mallorca\/category\/portada\/\" rel=\"category tag\">Portada<\/a><\/aside>\n\t\t\t\t<h3 itemprop=\"headline\"><a href=\"https:\/\/www.psib-psoe.org\/mallorca\/el-negacionisme-ambiental-de-ppvox-al-consell-vol-deixar-perdre-el-refugi-senderista-de-raixa\/\" title=\"El negacionisme ambiental de PPVOX al Consell vol deixar perdre el refugi senderista de Raixa.\">El negacionisme ambiental de PPVOX al Consell vol deixar perdre el refugi senderista de Raixa.<\/a><\/h3>\n\t\t\t<\/header>\n\t\t<\/div>\n\t\t<div class=\"post-content\">\n\t\t\t<a href=\"https:\/\/www.psib-psoe.org\/mallorca\/el-negacionisme-ambiental-de-ppvox-al-consell-vol-deixar-perdre-el-refugi-senderista-de-raixa\/\" class=\"more-link\">Read More<\/a>\n\t\t<\/div>\n\t\t\t<aside class=\"post-bottom-meta hide\">\n\t\t<strong rel=\"author\" itemprop=\"author\" class=\"author vcard\"><span class=\"fn\">Albert<\/span><\/strong>\n\t\t<time class=\"date published time\" datetime=\"2024-06-04T12:57:40+02:00\" itemprop=\"datePublished\" content=\"2024-06-04T12:57:40+02:00\">04\/06\/2024<\/time>\n\t\t<meta itemprop=\"dateModified\" class=\"date updated\" content=\"2024-10-14T11:39:48+02:00\">\n\t\t<span class=\"hide\" itemprop=\"publisher\" itemscope itemtype=\"https:\/\/schema.org\/Organization\">\n\t\t\t<meta itemprop=\"name\" content=\"SocialistesdMca\">\n\t\t\t<span itemprop=\"logo\" itemscope itemtype=\"https:\/\/schema.org\/ImageObject\">\n\t\t\t\t<meta itemprop=\"url\" content=\"https:\/\/www.psib-psoe.org\/mallorca\/wp-content\/themes\/notio-wp\/assets\/img\/logo.png\">\n\t\t\t<\/span>\n\t\t\t<meta itemprop=\"url\" content=\"https:\/\/www.psib-psoe.org\/mallorca\/\">\n\t\t<\/span>\n\t\t\t\t<span class=\"hide\" itemprop=\"image\" itemscope itemtype=\"http:\/\/schema.org\/ImageObject\">\n\t\t\t<meta itemprop=\"url\" content=\"https:\/\/www.psib-psoe.org\/mallorca\/wp-content\/uploads\/Cladera-2.jpeg\">\n\t\t\t<meta itemprop=\"width\" content=\"2048\">\n\t\t\t<meta itemprop=\"height\" content=\"1536\">\n\t\t<\/span>\n\t\t\t\t<meta itemscope itemprop=\"mainEntityOfPage\" itemtype=\"https:\/\/schema.org\/WebPage\" itemid=\"https:\/\/www.psib-psoe.org\/mallorca\/el-negacionisme-ambiental-de-ppvox-al-consell-vol-deixar-perdre-el-refugi-senderista-de-raixa\/\">\n\t<\/aside>\n\t\t<\/article>\n<\/div>\n<div class=\"small-12 large-4 columns\">\n\t<article itemscope itemtype=\"http:\/\/schema.org\/Article\" class=\"post blog-style7 alt post-28671 type-post status-publish format-standard has-post-thumbnail hentry category-federacio-de-mallorca category-federacio-de-mallorca-portada category-portada tag-alicia-homs tag-cosme-bonet tag-eleccions-europees-2024 tag-socialistes-de-mallorca\" role=\"article\">\n\t\t<figure class=\"post-gallery\"><img loading=\"lazy\" decoding=\"async\" width=\"600\" height=\"400\" src=\"https:\/\/www.psib-psoe.org\/mallorca\/wp-content\/uploads\/Mur-Mem\u00f2ria-1-600x400.jpeg\" class=\"attachment-notio-general-x2 size-notio-general-x2 wp-post-image\" alt=\"\" srcset=\"https:\/\/www.psib-psoe.org\/mallorca\/wp-content\/uploads\/Mur-Mem\u00f2ria-1-600x400.jpeg 600w, https:\/\/www.psib-psoe.org\/mallorca\/wp-content\/uploads\/Mur-Mem\u00f2ria-1-300x200.jpeg 300w, https:\/\/www.psib-psoe.org\/mallorca\/wp-content\/uploads\/Mur-Mem\u00f2ria-1-900x600.jpeg 900w, https:\/\/www.psib-psoe.org\/mallorca\/wp-content\/uploads\/Mur-Mem\u00f2ria-1-20x13.jpeg 20w\" sizes=\"(max-width: 600px) 100vw, 600px\" \/><\/figure>\n\t\t<div class=\"blog-top\">\n\t\t\t<header class=\"post-title entry-header\">\n\t\t\t\t<aside class=\"post-meta cf\">\n\t\t31\/05\/2024 \/ <a href=\"https:\/\/www.psib-psoe.org\/mallorca\/category\/federacio-de-mallorca\/\" rel=\"category tag\">Federaci\u00f3 de Mallorca<\/a>, <a href=\"https:\/\/www.psib-psoe.org\/mallorca\/category\/federacio-de-mallorca-portada\/\" rel=\"category tag\">Federaci\u00f3 de Mallorca - Portada<\/a>, <a href=\"https:\/\/www.psib-psoe.org\/mallorca\/category\/portada\/\" rel=\"category tag\">Portada<\/a><\/aside>\n\t\t\t\t<h3 itemprop=\"headline\"><a href=\"https:\/\/www.psib-psoe.org\/mallorca\/homsun-vot-ferm-i-decidit-al-psoe-aquest-9j-aturara-lonada-ultra-que-vol-fer-implosionar-el-projecte-europeu-des-de-dins\/\" title=\"Homs:&#8221;un vot ferm i decidit al PSOE aquest 9J aturar\u00e0 l&#8217;onada ultra que vol fer implosionar el projecte europeu des de dins&#8221;.\">Homs:&#8221;un vot ferm i decidit al PSOE aquest 9J aturar\u00e0 l&#8217;onada ultra que vol fer implosionar el projecte europeu des de dins&#8221;.<\/a><\/h3>\n\t\t\t<\/header>\n\t\t<\/div>\n\t\t<div class=\"post-content\">\n\t\t\t<a href=\"https:\/\/www.psib-psoe.org\/mallorca\/homsun-vot-ferm-i-decidit-al-psoe-aquest-9j-aturara-lonada-ultra-que-vol-fer-implosionar-el-projecte-europeu-des-de-dins\/\" class=\"more-link\">Read More<\/a>\n\t\t<\/div>\n\t\t\t<aside class=\"post-bottom-meta hide\">\n\t\t<strong rel=\"author\" itemprop=\"author\" class=\"author vcard\"><span class=\"fn\">Albert<\/span><\/strong>\n\t\t<time class=\"date published time\" datetime=\"2024-05-31T13:12:16+02:00\" itemprop=\"datePublished\" content=\"2024-05-31T13:12:16+02:00\">31\/05\/2024<\/time>\n\t\t<meta itemprop=\"dateModified\" class=\"date updated\" content=\"2024-10-14T11:40:31+02:00\">\n\t\t<span class=\"hide\" itemprop=\"publisher\" itemscope itemtype=\"https:\/\/schema.org\/Organization\">\n\t\t\t<meta itemprop=\"name\" content=\"SocialistesdMca\">\n\t\t\t<span itemprop=\"logo\" itemscope itemtype=\"https:\/\/schema.org\/ImageObject\">\n\t\t\t\t<meta itemprop=\"url\" content=\"https:\/\/www.psib-psoe.org\/mallorca\/wp-content\/themes\/notio-wp\/assets\/img\/logo.png\">\n\t\t\t<\/span>\n\t\t\t<meta itemprop=\"url\" content=\"https:\/\/www.psib-psoe.org\/mallorca\/\">\n\t\t<\/span>\n\t\t\t\t<span class=\"hide\" itemprop=\"image\" itemscope itemtype=\"http:\/\/schema.org\/ImageObject\">\n\t\t\t<meta itemprop=\"url\" content=\"https:\/\/www.psib-psoe.org\/mallorca\/wp-content\/uploads\/Mur-Mem\u00f2ria-1.jpeg\">\n\t\t\t<meta itemprop=\"width\" content=\"2048\">\n\t\t\t<meta itemprop=\"height\" content=\"1536\">\n\t\t<\/span>\n\t\t\t\t<meta itemscope itemprop=\"mainEntityOfPage\" itemtype=\"https:\/\/schema.org\/WebPage\" itemid=\"https:\/\/www.psib-psoe.org\/mallorca\/homsun-vot-ferm-i-decidit-al-psoe-aquest-9j-aturara-lonada-ultra-que-vol-fer-implosionar-el-projecte-europeu-des-de-dins\/\">\n\t<\/aside>\n\t\t<\/article>\n<\/div>\n<div class=\"small-12 large-4 columns\">\n\t<article itemscope itemtype=\"http:\/\/schema.org\/Article\" class=\"post blog-style7 alt post-28667 type-post status-publish format-standard has-post-thumbnail hentry category-consell-de-mallorca category-federacio-de-mallorca category-federacio-de-mallorca-portada category-municipis category-portada tag-agrupacio-socialista-de-llucmajor tag-antonia-sastre tag-catalina-cladera tag-jaume-j-oliver tag-lucia-escribano tag-socialistes-de-mallorca\" role=\"article\">\n\t\t<figure class=\"post-gallery\"><img loading=\"lazy\" decoding=\"async\" width=\"600\" height=\"400\" src=\"https:\/\/www.psib-psoe.org\/mallorca\/wp-content\/uploads\/Grup-municipal-Llucmajor-1-600x400.jpeg\" class=\"attachment-notio-general-x2 size-notio-general-x2 wp-post-image\" alt=\"\" srcset=\"https:\/\/www.psib-psoe.org\/mallorca\/wp-content\/uploads\/Grup-municipal-Llucmajor-1-600x400.jpeg 600w, https:\/\/www.psib-psoe.org\/mallorca\/wp-content\/uploads\/Grup-municipal-Llucmajor-1-300x200.jpeg 300w, https:\/\/www.psib-psoe.org\/mallorca\/wp-content\/uploads\/Grup-municipal-Llucmajor-1-900x600.jpeg 900w, https:\/\/www.psib-psoe.org\/mallorca\/wp-content\/uploads\/Grup-municipal-Llucmajor-1-20x13.jpeg 20w\" sizes=\"(max-width: 600px) 100vw, 600px\" \/><\/figure>\n\t\t<div class=\"blog-top\">\n\t\t\t<header class=\"post-title entry-header\">\n\t\t\t\t<aside class=\"post-meta cf\">\n\t\t31\/05\/2024 \/ <a href=\"https:\/\/www.psib-psoe.org\/mallorca\/category\/consell-de-mallorca\/\" rel=\"category tag\">Consell de Mallorca<\/a>, <a href=\"https:\/\/www.psib-psoe.org\/mallorca\/category\/federacio-de-mallorca\/\" rel=\"category tag\">Federaci\u00f3 de Mallorca<\/a>, <a href=\"https:\/\/www.psib-psoe.org\/mallorca\/category\/federacio-de-mallorca-portada\/\" rel=\"category tag\">Federaci\u00f3 de Mallorca - Portada<\/a>, <a href=\"https:\/\/www.psib-psoe.org\/mallorca\/category\/municipis\/\" rel=\"category tag\">Municipis<\/a>, <a href=\"https:\/\/www.psib-psoe.org\/mallorca\/category\/portada\/\" rel=\"category tag\">Portada<\/a><\/aside>\n\t\t\t\t<h3 itemprop=\"headline\"><a href=\"https:\/\/www.psib-psoe.org\/mallorca\/els-socialistes-de-llucmajor-alerten-del-caos-de-lequip-de-govern-ppvox-que-exigeixen-ara-millores-que-no-han-inclos-en-els-pressupostos-de-2024-aprovat-amb-els-seus-vots\/\" title=\"Els Socialistes de Llucmajor alerten del caos de l&#8217;equip de govern PPVOX, que exigeixen ara millores que no han incl\u00f2s en els pressupostos de 2024 aprovat amb els seus vots.\">Els Socialistes de Llucmajor alerten del caos de l&#8217;equip de govern PPVOX, que exigeixen ara millores que no han incl\u00f2s en els pressupostos de 2024 aprovat amb els seus vots.<\/a><\/h3>\n\t\t\t<\/header>\n\t\t<\/div>\n\t\t<div class=\"post-content\">\n\t\t\t<a href=\"https:\/\/www.psib-psoe.org\/mallorca\/els-socialistes-de-llucmajor-alerten-del-caos-de-lequip-de-govern-ppvox-que-exigeixen-ara-millores-que-no-han-inclos-en-els-pressupostos-de-2024-aprovat-amb-els-seus-vots\/\" class=\"more-link\">Read More<\/a>\n\t\t<\/div>\n\t\t\t<aside class=\"post-bottom-meta hide\">\n\t\t<strong rel=\"author\" itemprop=\"author\" class=\"author vcard\"><span class=\"fn\">Albert<\/span><\/strong>\n\t\t<time class=\"date published time\" datetime=\"2024-05-31T09:26:12+02:00\" itemprop=\"datePublished\" content=\"2024-05-31T09:26:12+02:00\">31\/05\/2024<\/time>\n\t\t<meta itemprop=\"dateModified\" class=\"date updated\" content=\"2024-10-14T11:40:31+02:00\">\n\t\t<span class=\"hide\" itemprop=\"publisher\" itemscope itemtype=\"https:\/\/schema.org\/Organization\">\n\t\t\t<meta itemprop=\"name\" content=\"SocialistesdMca\">\n\t\t\t<span itemprop=\"logo\" itemscope itemtype=\"https:\/\/schema.org\/ImageObject\">\n\t\t\t\t<meta itemprop=\"url\" content=\"https:\/\/www.psib-psoe.org\/mallorca\/wp-content\/themes\/notio-wp\/assets\/img\/logo.png\">\n\t\t\t<\/span>\n\t\t\t<meta itemprop=\"url\" content=\"https:\/\/www.psib-psoe.org\/mallorca\/\">\n\t\t<\/span>\n\t\t\t\t<span class=\"hide\" itemprop=\"image\" itemscope itemtype=\"http:\/\/schema.org\/ImageObject\">\n\t\t\t<meta itemprop=\"url\" content=\"https:\/\/www.psib-psoe.org\/mallorca\/wp-content\/uploads\/Grup-municipal-Llucmajor-1.jpeg\">\n\t\t\t<meta itemprop=\"width\" content=\"1536\">\n\t\t\t<meta itemprop=\"height\" content=\"2048\">\n\t\t<\/span>\n\t\t\t\t<meta itemscope itemprop=\"mainEntityOfPage\" itemtype=\"https:\/\/schema.org\/WebPage\" itemid=\"https:\/\/www.psib-psoe.org\/mallorca\/els-socialistes-de-llucmajor-alerten-del-caos-de-lequip-de-govern-ppvox-que-exigeixen-ara-millores-que-no-han-inclos-en-els-pressupostos-de-2024-aprovat-amb-els-seus-vots\/\">\n\t<\/aside>\n\t\t<\/article>\n<\/div>\n<div class=\"small-12 large-4 columns\">\n\t<article itemscope itemtype=\"http:\/\/schema.org\/Article\" class=\"post blog-style7 alt post-28664 type-post status-publish format-standard has-post-thumbnail hentry category-consell-de-mallorca category-federacio-de-mallorca category-federacio-de-mallorca-portada category-portada tag-catalina-cladera tag-consell-de-mallorca tag-javier-de-juan tag-joan-ferrer tag-juana-m-adrover tag-socialistes-de-mallorca\" role=\"article\">\n\t\t<figure class=\"post-gallery\"><img loading=\"lazy\" decoding=\"async\" width=\"600\" height=\"400\" src=\"https:\/\/www.psib-psoe.org\/mallorca\/wp-content\/uploads\/Foto-grup-1-1-600x400.jpeg\" class=\"attachment-notio-general-x2 size-notio-general-x2 wp-post-image\" alt=\"\" srcset=\"https:\/\/www.psib-psoe.org\/mallorca\/wp-content\/uploads\/Foto-grup-1-1-600x400.jpeg 600w, https:\/\/www.psib-psoe.org\/mallorca\/wp-content\/uploads\/Foto-grup-1-1-300x200.jpeg 300w, https:\/\/www.psib-psoe.org\/mallorca\/wp-content\/uploads\/Foto-grup-1-1-900x600.jpeg 900w, https:\/\/www.psib-psoe.org\/mallorca\/wp-content\/uploads\/Foto-grup-1-1-20x13.jpeg 20w\" sizes=\"(max-width: 600px) 100vw, 600px\" \/><\/figure>\n\t\t<div class=\"blog-top\">\n\t\t\t<header class=\"post-title entry-header\">\n\t\t\t\t<aside class=\"post-meta cf\">\n\t\t31\/05\/2024 \/ <a href=\"https:\/\/www.psib-psoe.org\/mallorca\/category\/consell-de-mallorca\/\" rel=\"category tag\">Consell de Mallorca<\/a>, <a href=\"https:\/\/www.psib-psoe.org\/mallorca\/category\/federacio-de-mallorca\/\" rel=\"category tag\">Federaci\u00f3 de Mallorca<\/a>, <a href=\"https:\/\/www.psib-psoe.org\/mallorca\/category\/federacio-de-mallorca-portada\/\" rel=\"category tag\">Federaci\u00f3 de Mallorca - Portada<\/a>, <a href=\"https:\/\/www.psib-psoe.org\/mallorca\/category\/portada\/\" rel=\"category tag\">Portada<\/a><\/aside>\n\t\t\t\t<h3 itemprop=\"headline\"><a href=\"https:\/\/www.psib-psoe.org\/mallorca\/mallorca-torna-30-anys-enrere-amb-el-decret-del-govern-que-desprotegeix-el-sol-rustic\/\" title=\"Mallorca torna 30 anys enrere amb el decret del Govern que desprotegeix el s\u00f2l r\u00fastic.\">Mallorca torna 30 anys enrere amb el decret del Govern que desprotegeix el s\u00f2l r\u00fastic.<\/a><\/h3>\n\t\t\t<\/header>\n\t\t<\/div>\n\t\t<div class=\"post-content\">\n\t\t\t<a href=\"https:\/\/www.psib-psoe.org\/mallorca\/mallorca-torna-30-anys-enrere-amb-el-decret-del-govern-que-desprotegeix-el-sol-rustic\/\" class=\"more-link\">Read More<\/a>\n\t\t<\/div>\n\t\t\t<aside class=\"post-bottom-meta hide\">\n\t\t<strong rel=\"author\" itemprop=\"author\" class=\"author vcard\"><span class=\"fn\">Albert<\/span><\/strong>\n\t\t<time class=\"date published time\" datetime=\"2024-05-31T09:21:01+02:00\" itemprop=\"datePublished\" content=\"2024-05-31T09:21:01+02:00\">31\/05\/2024<\/time>\n\t\t<meta itemprop=\"dateModified\" class=\"date updated\" content=\"2024-10-14T11:40:31+02:00\">\n\t\t<span class=\"hide\" itemprop=\"publisher\" itemscope itemtype=\"https:\/\/schema.org\/Organization\">\n\t\t\t<meta itemprop=\"name\" content=\"SocialistesdMca\">\n\t\t\t<span itemprop=\"logo\" itemscope itemtype=\"https:\/\/schema.org\/ImageObject\">\n\t\t\t\t<meta itemprop=\"url\" content=\"https:\/\/www.psib-psoe.org\/mallorca\/wp-content\/themes\/notio-wp\/assets\/img\/logo.png\">\n\t\t\t<\/span>\n\t\t\t<meta itemprop=\"url\" content=\"https:\/\/www.psib-psoe.org\/mallorca\/\">\n\t\t<\/span>\n\t\t\t\t<span class=\"hide\" itemprop=\"image\" itemscope itemtype=\"http:\/\/schema.org\/ImageObject\">\n\t\t\t<meta itemprop=\"url\" content=\"https:\/\/www.psib-psoe.org\/mallorca\/wp-content\/uploads\/Foto-grup-1-1.jpeg\">\n\t\t\t<meta itemprop=\"width\" content=\"1600\">\n\t\t\t<meta itemprop=\"height\" content=\"1200\">\n\t\t<\/span>\n\t\t\t\t<meta itemscope itemprop=\"mainEntityOfPage\" itemtype=\"https:\/\/schema.org\/WebPage\" itemid=\"https:\/\/www.psib-psoe.org\/mallorca\/mallorca-torna-30-anys-enrere-amb-el-decret-del-govern-que-desprotegeix-el-sol-rustic\/\">\n\t<\/aside>\n\t\t<\/article>\n<\/div>\n<div class=\"small-12 large-4 columns\">\n\t<article itemscope itemtype=\"http:\/\/schema.org\/Article\" class=\"post blog-style7 alt post-28661 type-post status-publish format-standard has-post-thumbnail hentry category-consell-de-mallorca category-federacio-de-mallorca category-federacio-de-mallorca-portada category-municipis category-portada tag-catalina-cladera tag-imas tag-socialistes-de-mallorca tag-sofia-alonso\" role=\"article\">\n\t\t<figure class=\"post-gallery\"><img loading=\"lazy\" decoding=\"async\" width=\"600\" height=\"400\" src=\"https:\/\/www.psib-psoe.org\/mallorca\/wp-content\/uploads\/Alonso-CR-IMAS-200224-600x400.jpeg\" class=\"attachment-notio-general-x2 size-notio-general-x2 wp-post-image\" alt=\"\" srcset=\"https:\/\/www.psib-psoe.org\/mallorca\/wp-content\/uploads\/Alonso-CR-IMAS-200224-600x400.jpeg 600w, https:\/\/www.psib-psoe.org\/mallorca\/wp-content\/uploads\/Alonso-CR-IMAS-200224-300x200.jpeg 300w, https:\/\/www.psib-psoe.org\/mallorca\/wp-content\/uploads\/Alonso-CR-IMAS-200224-900x600.jpeg 900w, https:\/\/www.psib-psoe.org\/mallorca\/wp-content\/uploads\/Alonso-CR-IMAS-200224-20x13.jpeg 20w\" sizes=\"(max-width: 600px) 100vw, 600px\" \/><\/figure>\n\t\t<div class=\"blog-top\">\n\t\t\t<header class=\"post-title entry-header\">\n\t\t\t\t<aside class=\"post-meta cf\">\n\t\t30\/05\/2024 \/ <a href=\"https:\/\/www.psib-psoe.org\/mallorca\/category\/consell-de-mallorca\/\" rel=\"category tag\">Consell de Mallorca<\/a>, <a href=\"https:\/\/www.psib-psoe.org\/mallorca\/category\/federacio-de-mallorca\/\" rel=\"category tag\">Federaci\u00f3 de Mallorca<\/a>, <a href=\"https:\/\/www.psib-psoe.org\/mallorca\/category\/federacio-de-mallorca-portada\/\" rel=\"category tag\">Federaci\u00f3 de Mallorca - Portada<\/a>, <a href=\"https:\/\/www.psib-psoe.org\/mallorca\/category\/municipis\/\" rel=\"category tag\">Municipis<\/a>, <a href=\"https:\/\/www.psib-psoe.org\/mallorca\/category\/portada\/\" rel=\"category tag\">Portada<\/a><\/aside>\n\t\t\t\t<h3 itemprop=\"headline\"><a href=\"https:\/\/www.psib-psoe.org\/mallorca\/els-socialistes-exigeixen-el-manteniment-del-servei-de-valoracio-de-discapacitat-a-inca-i-manacor-que-el-govern-es-planteja-tancar\/\" title=\"Els Socialistes exigeixen el manteniment del servei de valoraci\u00f3 de discapacitat a Inca i Manacor, que el Govern es planteja tancar.\">Els Socialistes exigeixen el manteniment del servei de valoraci\u00f3 de discapacitat a Inca i Manacor, que el Govern es planteja tancar.<\/a><\/h3>\n\t\t\t<\/header>\n\t\t<\/div>\n\t\t<div class=\"post-content\">\n\t\t\t<a href=\"https:\/\/www.psib-psoe.org\/mallorca\/els-socialistes-exigeixen-el-manteniment-del-servei-de-valoracio-de-discapacitat-a-inca-i-manacor-que-el-govern-es-planteja-tancar\/\" class=\"more-link\">Read More<\/a>\n\t\t<\/div>\n\t\t\t<aside class=\"post-bottom-meta hide\">\n\t\t<strong rel=\"author\" itemprop=\"author\" class=\"author vcard\"><span class=\"fn\">Albert<\/span><\/strong>\n\t\t<time class=\"date published time\" datetime=\"2024-05-30T10:17:06+02:00\" itemprop=\"datePublished\" content=\"2024-05-30T10:17:06+02:00\">30\/05\/2024<\/time>\n\t\t<meta itemprop=\"dateModified\" class=\"date updated\" content=\"2024-10-14T11:40:31+02:00\">\n\t\t<span class=\"hide\" itemprop=\"publisher\" itemscope itemtype=\"https:\/\/schema.org\/Organization\">\n\t\t\t<meta itemprop=\"name\" content=\"SocialistesdMca\">\n\t\t\t<span itemprop=\"logo\" itemscope itemtype=\"https:\/\/schema.org\/ImageObject\">\n\t\t\t\t<meta itemprop=\"url\" content=\"https:\/\/www.psib-psoe.org\/mallorca\/wp-content\/themes\/notio-wp\/assets\/img\/logo.png\">\n\t\t\t<\/span>\n\t\t\t<meta itemprop=\"url\" content=\"https:\/\/www.psib-psoe.org\/mallorca\/\">\n\t\t<\/span>\n\t\t\t\t<span class=\"hide\" itemprop=\"image\" itemscope itemtype=\"http:\/\/schema.org\/ImageObject\">\n\t\t\t<meta itemprop=\"url\" content=\"https:\/\/www.psib-psoe.org\/mallorca\/wp-content\/uploads\/Alonso-CR-IMAS-200224.jpeg\">\n\t\t\t<meta itemprop=\"width\" content=\"2048\">\n\t\t\t<meta itemprop=\"height\" content=\"1536\">\n\t\t<\/span>\n\t\t\t\t<meta itemscope itemprop=\"mainEntityOfPage\" itemtype=\"https:\/\/schema.org\/WebPage\" itemid=\"https:\/\/www.psib-psoe.org\/mallorca\/els-socialistes-exigeixen-el-manteniment-del-servei-de-valoracio-de-discapacitat-a-inca-i-manacor-que-el-govern-es-planteja-tancar\/\">\n\t<\/aside>\n\t\t<\/article>\n<\/div>\n<div class=\"small-12 large-4 columns\">\n\t<article itemscope itemtype=\"http:\/\/schema.org\/Article\" class=\"post blog-style7 alt post-28656 type-post status-publish format-standard has-post-thumbnail hentry category-federacio-de-mallorca category-federacio-de-mallorca-portada category-municipis category-portada tag-alicia-homs tag-antonia-sastre tag-catalina-cladera tag-cosme-bonet tag-eleccions-europees-2024 tag-socialistes-de-mallorca\" role=\"article\">\n\t\t<figure class=\"post-gallery\"><img loading=\"lazy\" decoding=\"async\" width=\"600\" height=\"400\" src=\"https:\/\/www.psib-psoe.org\/mallorca\/wp-content\/uploads\/WhatsApp-Image-2024-05-28-at-11.45.28-1-600x400.jpeg\" class=\"attachment-notio-general-x2 size-notio-general-x2 wp-post-image\" alt=\"\" srcset=\"https:\/\/www.psib-psoe.org\/mallorca\/wp-content\/uploads\/WhatsApp-Image-2024-05-28-at-11.45.28-1-600x400.jpeg 600w, https:\/\/www.psib-psoe.org\/mallorca\/wp-content\/uploads\/WhatsApp-Image-2024-05-28-at-11.45.28-1-300x200.jpeg 300w, https:\/\/www.psib-psoe.org\/mallorca\/wp-content\/uploads\/WhatsApp-Image-2024-05-28-at-11.45.28-1-900x600.jpeg 900w, https:\/\/www.psib-psoe.org\/mallorca\/wp-content\/uploads\/WhatsApp-Image-2024-05-28-at-11.45.28-1-20x13.jpeg 20w\" sizes=\"(max-width: 600px) 100vw, 600px\" \/><\/figure>\n\t\t<div class=\"blog-top\">\n\t\t\t<header class=\"post-title entry-header\">\n\t\t\t\t<aside class=\"post-meta cf\">\n\t\t28\/05\/2024 \/ <a href=\"https:\/\/www.psib-psoe.org\/mallorca\/category\/federacio-de-mallorca\/\" rel=\"category tag\">Federaci\u00f3 de Mallorca<\/a>, <a href=\"https:\/\/www.psib-psoe.org\/mallorca\/category\/federacio-de-mallorca-portada\/\" rel=\"category tag\">Federaci\u00f3 de Mallorca - Portada<\/a>, <a href=\"https:\/\/www.psib-psoe.org\/mallorca\/category\/municipis\/\" rel=\"category tag\">Municipis<\/a>, <a href=\"https:\/\/www.psib-psoe.org\/mallorca\/category\/portada\/\" rel=\"category tag\">Portada<\/a><\/aside>\n\t\t\t\t<h3 itemprop=\"headline\"><a href=\"https:\/\/www.psib-psoe.org\/mallorca\/latencio-integral-a-les-persones-majors-objectiu-dels-socialistes-europeus-per-a-la-proxima-legislatura\/\" title=\"L&#8217;atenci\u00f3 integral a les persones majors, objectiu dels Socialistes europeus per a la pr\u00f2xima legislatura\">L&#8217;atenci\u00f3 integral a les persones majors, objectiu dels Socialistes europeus per a la pr\u00f2xima legislatura<\/a><\/h3>\n\t\t\t<\/header>\n\t\t<\/div>\n\t\t<div class=\"post-content\">\n\t\t\t<a href=\"https:\/\/www.psib-psoe.org\/mallorca\/latencio-integral-a-les-persones-majors-objectiu-dels-socialistes-europeus-per-a-la-proxima-legislatura\/\" class=\"more-link\">Read More<\/a>\n\t\t<\/div>\n\t\t\t<aside class=\"post-bottom-meta hide\">\n\t\t<strong rel=\"author\" itemprop=\"author\" class=\"author vcard\"><span class=\"fn\">Albert<\/span><\/strong>\n\t\t<time class=\"date published time\" datetime=\"2024-05-28T12:04:35+02:00\" itemprop=\"datePublished\" content=\"2024-05-28T12:04:35+02:00\">28\/05\/2024<\/time>\n\t\t<meta itemprop=\"dateModified\" class=\"date updated\" content=\"2024-10-14T11:40:31+02:00\">\n\t\t<span class=\"hide\" itemprop=\"publisher\" itemscope itemtype=\"https:\/\/schema.org\/Organization\">\n\t\t\t<meta itemprop=\"name\" content=\"SocialistesdMca\">\n\t\t\t<span itemprop=\"logo\" itemscope itemtype=\"https:\/\/schema.org\/ImageObject\">\n\t\t\t\t<meta itemprop=\"url\" content=\"https:\/\/www.psib-psoe.org\/mallorca\/wp-content\/themes\/notio-wp\/assets\/img\/logo.png\">\n\t\t\t<\/span>\n\t\t\t<meta itemprop=\"url\" content=\"https:\/\/www.psib-psoe.org\/mallorca\/\">\n\t\t<\/span>\n\t\t\t\t<span class=\"hide\" itemprop=\"image\" itemscope itemtype=\"http:\/\/schema.org\/ImageObject\">\n\t\t\t<meta itemprop=\"url\" content=\"https:\/\/www.psib-psoe.org\/mallorca\/wp-content\/uploads\/WhatsApp-Image-2024-05-28-at-11.45.28-1.jpeg\">\n\t\t\t<meta itemprop=\"width\" content=\"2048\">\n\t\t\t<meta itemprop=\"height\" content=\"1536\">\n\t\t<\/span>\n\t\t\t\t<meta itemscope itemprop=\"mainEntityOfPage\" itemtype=\"https:\/\/schema.org\/WebPage\" itemid=\"https:\/\/www.psib-psoe.org\/mallorca\/latencio-integral-a-les-persones-majors-objectiu-dels-socialistes-europeus-per-a-la-proxima-legislatura\/\">\n\t<\/aside>\n\t\t<\/article>\n<\/div>\n<div class=\"small-12 large-4 columns\">\n\t<article itemscope itemtype=\"http:\/\/schema.org\/Article\" class=\"post blog-style7 alt post-28653 type-post status-publish format-standard has-post-thumbnail hentry category-federacio-de-mallorca category-federacio-de-mallorca-portada category-municipis category-portada tag-agrupacio-socialista-de-manacor tag-amanda-fernandez tag-antonia-sastre tag-catalina-cladera tag-nuria-hinojosa tag-socialistes-de-mallorca\" role=\"article\">\n\t\t<figure class=\"post-gallery\"><img loading=\"lazy\" decoding=\"async\" width=\"600\" height=\"400\" src=\"https:\/\/www.psib-psoe.org\/mallorca\/wp-content\/uploads\/WhatsApp-Image-2024-05-27-at-14.16.10-600x400.jpeg\" class=\"attachment-notio-general-x2 size-notio-general-x2 wp-post-image\" alt=\"\" srcset=\"https:\/\/www.psib-psoe.org\/mallorca\/wp-content\/uploads\/WhatsApp-Image-2024-05-27-at-14.16.10-600x400.jpeg 600w, https:\/\/www.psib-psoe.org\/mallorca\/wp-content\/uploads\/WhatsApp-Image-2024-05-27-at-14.16.10-300x200.jpeg 300w, https:\/\/www.psib-psoe.org\/mallorca\/wp-content\/uploads\/WhatsApp-Image-2024-05-27-at-14.16.10-900x600.jpeg 900w, https:\/\/www.psib-psoe.org\/mallorca\/wp-content\/uploads\/WhatsApp-Image-2024-05-27-at-14.16.10-20x13.jpeg 20w\" sizes=\"(max-width: 600px) 100vw, 600px\" \/><\/figure>\n\t\t<div class=\"blog-top\">\n\t\t\t<header class=\"post-title entry-header\">\n\t\t\t\t<aside class=\"post-meta cf\">\n\t\t27\/05\/2024 \/ <a href=\"https:\/\/www.psib-psoe.org\/mallorca\/category\/federacio-de-mallorca\/\" rel=\"category tag\">Federaci\u00f3 de Mallorca<\/a>, <a href=\"https:\/\/www.psib-psoe.org\/mallorca\/category\/federacio-de-mallorca-portada\/\" rel=\"category tag\">Federaci\u00f3 de Mallorca - Portada<\/a>, <a href=\"https:\/\/www.psib-psoe.org\/mallorca\/category\/municipis\/\" rel=\"category tag\">Municipis<\/a>, <a href=\"https:\/\/www.psib-psoe.org\/mallorca\/category\/portada\/\" rel=\"category tag\">Portada<\/a><\/aside>\n\t\t\t\t<h3 itemprop=\"headline\"><a href=\"https:\/\/www.psib-psoe.org\/mallorca\/el-psoe-de-manacor-proposa-que-les-escoletes-0-3-anys-garanteixin-la-gratuitat-de-lescola-matinera-i-la-del-mes-de-juliol\/\" title=\"El PSOE de Manacor proposa que les escoletes 0-3 anys garanteixin la gratu\u00eftat de l\u2019escola matinera i la del mes de juliol.\">El PSOE de Manacor proposa que les escoletes 0-3 anys garanteixin la gratu\u00eftat de l\u2019escola matinera i la del mes de juliol.<\/a><\/h3>\n\t\t\t<\/header>\n\t\t<\/div>\n\t\t<div class=\"post-content\">\n\t\t\t<a href=\"https:\/\/www.psib-psoe.org\/mallorca\/el-psoe-de-manacor-proposa-que-les-escoletes-0-3-anys-garanteixin-la-gratuitat-de-lescola-matinera-i-la-del-mes-de-juliol\/\" class=\"more-link\">Read More<\/a>\n\t\t<\/div>\n\t\t\t<aside class=\"post-bottom-meta hide\">\n\t\t<strong rel=\"author\" itemprop=\"author\" class=\"author vcard\"><span class=\"fn\">Albert<\/span><\/strong>\n\t\t<time class=\"date published time\" datetime=\"2024-05-27T14:53:12+02:00\" itemprop=\"datePublished\" content=\"2024-05-27T14:53:12+02:00\">27\/05\/2024<\/time>\n\t\t<meta itemprop=\"dateModified\" class=\"date updated\" content=\"2024-10-14T11:40:31+02:00\">\n\t\t<span class=\"hide\" itemprop=\"publisher\" itemscope itemtype=\"https:\/\/schema.org\/Organization\">\n\t\t\t<meta itemprop=\"name\" content=\"SocialistesdMca\">\n\t\t\t<span itemprop=\"logo\" itemscope itemtype=\"https:\/\/schema.org\/ImageObject\">\n\t\t\t\t<meta itemprop=\"url\" content=\"https:\/\/www.psib-psoe.org\/mallorca\/wp-content\/themes\/notio-wp\/assets\/img\/logo.png\">\n\t\t\t<\/span>\n\t\t\t<meta itemprop=\"url\" content=\"https:\/\/www.psib-psoe.org\/mallorca\/\">\n\t\t<\/span>\n\t\t\t\t<span class=\"hide\" itemprop=\"image\" itemscope itemtype=\"http:\/\/schema.org\/ImageObject\">\n\t\t\t<meta itemprop=\"url\" content=\"https:\/\/www.psib-psoe.org\/mallorca\/wp-content\/uploads\/WhatsApp-Image-2024-05-27-at-14.16.10.jpeg\">\n\t\t\t<meta itemprop=\"width\" content=\"1200\">\n\t\t\t<meta itemprop=\"height\" content=\"1600\">\n\t\t<\/span>\n\t\t\t\t<meta itemscope itemprop=\"mainEntityOfPage\" itemtype=\"https:\/\/schema.org\/WebPage\" itemid=\"https:\/\/www.psib-psoe.org\/mallorca\/el-psoe-de-manacor-proposa-que-les-escoletes-0-3-anys-garanteixin-la-gratuitat-de-lescola-matinera-i-la-del-mes-de-juliol\/\">\n\t<\/aside>\n\t\t<\/article>\n<\/div>\n<div class=\"small-12 large-4 columns\">\n\t<article itemscope itemtype=\"http:\/\/schema.org\/Article\" class=\"post blog-style7 alt post-28651 type-post status-publish format-standard has-post-thumbnail hentry category-federacio-de-mallorca category-federacio-de-mallorca-portada category-municipis category-portada tag-agrupacio-socialista-de-soller tag-antonia-sastre tag-catalina-cladera tag-jaume-mateu tag-socialistes-de-mallorca\" role=\"article\">\n\t\t<figure class=\"post-gallery\"><img loading=\"lazy\" decoding=\"async\" width=\"600\" height=\"400\" src=\"https:\/\/www.psib-psoe.org\/mallorca\/wp-content\/uploads\/Cladera-Mateu-1-600x400.jpeg\" class=\"attachment-notio-general-x2 size-notio-general-x2 wp-post-image\" alt=\"\" srcset=\"https:\/\/www.psib-psoe.org\/mallorca\/wp-content\/uploads\/Cladera-Mateu-1-600x400.jpeg 600w, https:\/\/www.psib-psoe.org\/mallorca\/wp-content\/uploads\/Cladera-Mateu-1-300x200.jpeg 300w, https:\/\/www.psib-psoe.org\/mallorca\/wp-content\/uploads\/Cladera-Mateu-1-900x600.jpeg 900w, https:\/\/www.psib-psoe.org\/mallorca\/wp-content\/uploads\/Cladera-Mateu-1-20x13.jpeg 20w\" sizes=\"(max-width: 600px) 100vw, 600px\" \/><\/figure>\n\t\t<div class=\"blog-top\">\n\t\t\t<header class=\"post-title entry-header\">\n\t\t\t\t<aside class=\"post-meta cf\">\n\t\t27\/05\/2024 \/ <a href=\"https:\/\/www.psib-psoe.org\/mallorca\/category\/federacio-de-mallorca\/\" rel=\"category tag\">Federaci\u00f3 de Mallorca<\/a>, <a href=\"https:\/\/www.psib-psoe.org\/mallorca\/category\/federacio-de-mallorca-portada\/\" rel=\"category tag\">Federaci\u00f3 de Mallorca - Portada<\/a>, <a href=\"https:\/\/www.psib-psoe.org\/mallorca\/category\/municipis\/\" rel=\"category tag\">Municipis<\/a>, <a href=\"https:\/\/www.psib-psoe.org\/mallorca\/category\/portada\/\" rel=\"category tag\">Portada<\/a><\/aside>\n\t\t\t\t<h3 itemprop=\"headline\"><a href=\"https:\/\/www.psib-psoe.org\/mallorca\/els-socialistes-de-soller-exigeixen-al-pp-que-no-pacti-el-govern-municipal-amb-el-transfuga-de-seny\/\" title=\"Els Socialistes de S\u00f3ller exigeixen al PP que no pacti el govern municipal amb el tr\u00e0nsfuga de Seny.\">Els Socialistes de S\u00f3ller exigeixen al PP que no pacti el govern municipal amb el tr\u00e0nsfuga de Seny.<\/a><\/h3>\n\t\t\t<\/header>\n\t\t<\/div>\n\t\t<div class=\"post-content\">\n\t\t\t<a href=\"https:\/\/www.psib-psoe.org\/mallorca\/els-socialistes-de-soller-exigeixen-al-pp-que-no-pacti-el-govern-municipal-amb-el-transfuga-de-seny\/\" class=\"more-link\">Read More<\/a>\n\t\t<\/div>\n\t\t\t<aside class=\"post-bottom-meta hide\">\n\t\t<strong rel=\"author\" itemprop=\"author\" class=\"author vcard\"><span class=\"fn\">Albert<\/span><\/strong>\n\t\t<time class=\"date published time\" datetime=\"2024-05-27T09:23:04+02:00\" itemprop=\"datePublished\" content=\"2024-05-27T09:23:04+02:00\">27\/05\/2024<\/time>\n\t\t<meta itemprop=\"dateModified\" class=\"date updated\" content=\"2024-10-14T11:40:31+02:00\">\n\t\t<span class=\"hide\" itemprop=\"publisher\" itemscope itemtype=\"https:\/\/schema.org\/Organization\">\n\t\t\t<meta itemprop=\"name\" content=\"SocialistesdMca\">\n\t\t\t<span itemprop=\"logo\" itemscope itemtype=\"https:\/\/schema.org\/ImageObject\">\n\t\t\t\t<meta itemprop=\"url\" content=\"https:\/\/www.psib-psoe.org\/mallorca\/wp-content\/themes\/notio-wp\/assets\/img\/logo.png\">\n\t\t\t<\/span>\n\t\t\t<meta itemprop=\"url\" content=\"https:\/\/www.psib-psoe.org\/mallorca\/\">\n\t\t<\/span>\n\t\t\t\t<span class=\"hide\" itemprop=\"image\" itemscope itemtype=\"http:\/\/schema.org\/ImageObject\">\n\t\t\t<meta itemprop=\"url\" content=\"https:\/\/www.psib-psoe.org\/mallorca\/wp-content\/uploads\/Cladera-Mateu-1.jpeg\">\n\t\t\t<meta itemprop=\"width\" content=\"2000\">\n\t\t\t<meta itemprop=\"height\" content=\"900\">\n\t\t<\/span>\n\t\t\t\t<meta itemscope itemprop=\"mainEntityOfPage\" itemtype=\"https:\/\/schema.org\/WebPage\" itemid=\"https:\/\/www.psib-psoe.org\/mallorca\/els-socialistes-de-soller-exigeixen-al-pp-que-no-pacti-el-govern-municipal-amb-el-transfuga-de-seny\/\">\n\t<\/aside>\n\t\t<\/article>\n<\/div>\n<div class=\"small-12 large-4 columns\">\n\t<article itemscope itemtype=\"http:\/\/schema.org\/Article\" class=\"post blog-style7 alt post-28647 type-post status-publish format-standard has-post-thumbnail hentry category-federacio-de-mallorca tag-federacio-socialista-de-mallorca\" role=\"article\">\n\t\t<figure class=\"post-gallery\"><img loading=\"lazy\" decoding=\"async\" width=\"600\" height=\"400\" src=\"https:\/\/www.psib-psoe.org\/mallorca\/wp-content\/uploads\/WhatsApp-Image-2024-05-26-at-11.21.16-600x400.jpeg\" class=\"attachment-notio-general-x2 size-notio-general-x2 wp-post-image\" alt=\"\" srcset=\"https:\/\/www.psib-psoe.org\/mallorca\/wp-content\/uploads\/WhatsApp-Image-2024-05-26-at-11.21.16-600x400.jpeg 600w, https:\/\/www.psib-psoe.org\/mallorca\/wp-content\/uploads\/WhatsApp-Image-2024-05-26-at-11.21.16-300x200.jpeg 300w, https:\/\/www.psib-psoe.org\/mallorca\/wp-content\/uploads\/WhatsApp-Image-2024-05-26-at-11.21.16-900x600.jpeg 900w, https:\/\/www.psib-psoe.org\/mallorca\/wp-content\/uploads\/WhatsApp-Image-2024-05-26-at-11.21.16-20x13.jpeg 20w\" sizes=\"(max-width: 600px) 100vw, 600px\" \/><\/figure>\n\t\t<div class=\"blog-top\">\n\t\t\t<header class=\"post-title entry-header\">\n\t\t\t\t<aside class=\"post-meta cf\">\n\t\t26\/05\/2024 \/ <a href=\"https:\/\/www.psib-psoe.org\/mallorca\/category\/federacio-de-mallorca\/\" rel=\"category tag\">Federaci\u00f3 de Mallorca<\/a><\/aside>\n\t\t\t\t<h3 itemprop=\"headline\"><a href=\"https:\/\/www.psib-psoe.org\/mallorca\/cladera-leuropa-dels-socialistes-es-la-que-vol-que-els-nostres-barris-i-pobles-siguin-un-lloc-on-els-residents-hi-puguem-viure\/\" title=\"Cladera: \u201cl\u2019Europa dels Socialistes es la que vol que els nostres barris i pobles siguin un lloc on els residents hi puguem viure\u201d.\">Cladera: \u201cl\u2019Europa dels Socialistes es la que vol que els nostres barris i pobles siguin un lloc on els residents hi puguem viure\u201d.<\/a><\/h3>\n\t\t\t<\/header>\n\t\t<\/div>\n\t\t<div class=\"post-content\">\n\t\t\t<a href=\"https:\/\/www.psib-psoe.org\/mallorca\/cladera-leuropa-dels-socialistes-es-la-que-vol-que-els-nostres-barris-i-pobles-siguin-un-lloc-on-els-residents-hi-puguem-viure\/\" class=\"more-link\">Read More<\/a>\n\t\t<\/div>\n\t\t\t<aside class=\"post-bottom-meta hide\">\n\t\t<strong rel=\"author\" itemprop=\"author\" class=\"author vcard\"><span class=\"fn\">adminpsib<\/span><\/strong>\n\t\t<time class=\"date published time\" datetime=\"2024-05-26T14:09:33+02:00\" itemprop=\"datePublished\" content=\"2024-05-26T14:09:33+02:00\">26\/05\/2024<\/time>\n\t\t<meta itemprop=\"dateModified\" class=\"date updated\" content=\"2024-10-14T11:40:31+02:00\">\n\t\t<span class=\"hide\" itemprop=\"publisher\" itemscope itemtype=\"https:\/\/schema.org\/Organization\">\n\t\t\t<meta itemprop=\"name\" content=\"SocialistesdMca\">\n\t\t\t<span itemprop=\"logo\" itemscope itemtype=\"https:\/\/schema.org\/ImageObject\">\n\t\t\t\t<meta itemprop=\"url\" content=\"https:\/\/www.psib-psoe.org\/mallorca\/wp-content\/themes\/notio-wp\/assets\/img\/logo.png\">\n\t\t\t<\/span>\n\t\t\t<meta itemprop=\"url\" content=\"https:\/\/www.psib-psoe.org\/mallorca\/\">\n\t\t<\/span>\n\t\t\t\t<span class=\"hide\" itemprop=\"image\" itemscope itemtype=\"http:\/\/schema.org\/ImageObject\">\n\t\t\t<meta itemprop=\"url\" content=\"https:\/\/www.psib-psoe.org\/mallorca\/wp-content\/uploads\/WhatsApp-Image-2024-05-26-at-11.21.16.jpeg\">\n\t\t\t<meta itemprop=\"width\" content=\"2048\">\n\t\t\t<meta itemprop=\"height\" content=\"1536\">\n\t\t<\/span>\n\t\t\t\t<meta itemscope itemprop=\"mainEntityOfPage\" itemtype=\"https:\/\/schema.org\/WebPage\" itemid=\"https:\/\/www.psib-psoe.org\/mallorca\/cladera-leuropa-dels-socialistes-es-la-que-vol-que-els-nostres-barris-i-pobles-siguin-un-lloc-on-els-residents-hi-puguem-viure\/\">\n\t<\/aside>\n\t\t<\/article>\n<\/div>\n<div class=\"small-12 large-4 columns\">\n\t<article itemscope itemtype=\"http:\/\/schema.org\/Article\" class=\"post blog-style7 alt post-28645 type-post status-publish format-standard has-post-thumbnail hentry category-federacio-de-mallorca category-federacio-de-mallorca-portada category-municipis category-portada tag-agrupacio-socialista-dalcudia tag-antonia-sastre tag-barbara-rebassa tag-catalina-cladera tag-joan-gaspar-vallori tag-rosa-bestard\" role=\"article\">\n\t\t<figure class=\"post-gallery\"><img loading=\"lazy\" decoding=\"async\" width=\"600\" height=\"400\" src=\"https:\/\/www.psib-psoe.org\/mallorca\/wp-content\/uploads\/Alc\u00fadia-grup-municipal-2024-600x400.jpeg\" class=\"attachment-notio-general-x2 size-notio-general-x2 wp-post-image\" alt=\"\" srcset=\"https:\/\/www.psib-psoe.org\/mallorca\/wp-content\/uploads\/Alc\u00fadia-grup-municipal-2024-600x400.jpeg 600w, https:\/\/www.psib-psoe.org\/mallorca\/wp-content\/uploads\/Alc\u00fadia-grup-municipal-2024-300x200.jpeg 300w, https:\/\/www.psib-psoe.org\/mallorca\/wp-content\/uploads\/Alc\u00fadia-grup-municipal-2024-900x600.jpeg 900w, https:\/\/www.psib-psoe.org\/mallorca\/wp-content\/uploads\/Alc\u00fadia-grup-municipal-2024-20x13.jpeg 20w\" sizes=\"(max-width: 600px) 100vw, 600px\" \/><\/figure>\n\t\t<div class=\"blog-top\">\n\t\t\t<header class=\"post-title entry-header\">\n\t\t\t\t<aside class=\"post-meta cf\">\n\t\t23\/05\/2024 \/ <a href=\"https:\/\/www.psib-psoe.org\/mallorca\/category\/federacio-de-mallorca\/\" rel=\"category tag\">Federaci\u00f3 de Mallorca<\/a>, <a href=\"https:\/\/www.psib-psoe.org\/mallorca\/category\/federacio-de-mallorca-portada\/\" rel=\"category tag\">Federaci\u00f3 de Mallorca - Portada<\/a>, <a href=\"https:\/\/www.psib-psoe.org\/mallorca\/category\/municipis\/\" rel=\"category tag\">Municipis<\/a>, <a href=\"https:\/\/www.psib-psoe.org\/mallorca\/category\/portada\/\" rel=\"category tag\">Portada<\/a><\/aside>\n\t\t\t\t<h3 itemprop=\"headline\"><a href=\"https:\/\/www.psib-psoe.org\/mallorca\/els-socialistes-dalcudia-proposen-declarar-com-a-zona-lliure-de-fum-les-platges-del-municipi\/\" title=\"Els Socialistes d&#8217;Alc\u00fadia proposen declarar com a zona lliure de fum les platges del municipi.\">Els Socialistes d&#8217;Alc\u00fadia proposen declarar com a zona lliure de fum les platges del municipi.<\/a><\/h3>\n\t\t\t<\/header>\n\t\t<\/div>\n\t\t<div class=\"post-content\">\n\t\t\t<a href=\"https:\/\/www.psib-psoe.org\/mallorca\/els-socialistes-dalcudia-proposen-declarar-com-a-zona-lliure-de-fum-les-platges-del-municipi\/\" class=\"more-link\">Read More<\/a>\n\t\t<\/div>\n\t\t\t<aside class=\"post-bottom-meta hide\">\n\t\t<strong rel=\"author\" itemprop=\"author\" class=\"author vcard\"><span class=\"fn\">Albert<\/span><\/strong>\n\t\t<time class=\"date published time\" datetime=\"2024-05-23T09:39:45+02:00\" itemprop=\"datePublished\" content=\"2024-05-23T09:39:45+02:00\">23\/05\/2024<\/time>\n\t\t<meta itemprop=\"dateModified\" class=\"date updated\" content=\"2024-10-14T11:40:31+02:00\">\n\t\t<span class=\"hide\" itemprop=\"publisher\" itemscope itemtype=\"https:\/\/schema.org\/Organization\">\n\t\t\t<meta itemprop=\"name\" content=\"SocialistesdMca\">\n\t\t\t<span itemprop=\"logo\" itemscope itemtype=\"https:\/\/schema.org\/ImageObject\">\n\t\t\t\t<meta itemprop=\"url\" content=\"https:\/\/www.psib-psoe.org\/mallorca\/wp-content\/themes\/notio-wp\/assets\/img\/logo.png\">\n\t\t\t<\/span>\n\t\t\t<meta itemprop=\"url\" content=\"https:\/\/www.psib-psoe.org\/mallorca\/\">\n\t\t<\/span>\n\t\t\t\t<span class=\"hide\" itemprop=\"image\" itemscope itemtype=\"http:\/\/schema.org\/ImageObject\">\n\t\t\t<meta itemprop=\"url\" content=\"https:\/\/www.psib-psoe.org\/mallorca\/wp-content\/uploads\/Alc\u00fadia-grup-municipal-2024.jpeg\">\n\t\t\t<meta itemprop=\"width\" content=\"2048\">\n\t\t\t<meta itemprop=\"height\" content=\"1536\">\n\t\t<\/span>\n\t\t\t\t<meta itemscope itemprop=\"mainEntityOfPage\" itemtype=\"https:\/\/schema.org\/WebPage\" itemid=\"https:\/\/www.psib-psoe.org\/mallorca\/els-socialistes-dalcudia-proposen-declarar-com-a-zona-lliure-de-fum-les-platges-del-municipi\/\">\n\t<\/aside>\n\t\t<\/article>\n<\/div>\n<div class=\"small-12 large-4 columns\">\n\t<article itemscope itemtype=\"http:\/\/schema.org\/Article\" class=\"post blog-style7 alt post-28641 type-post status-publish format-standard has-post-thumbnail hentry category-federacio-de-mallorca category-federacio-de-mallorca-portada category-municipis category-portada tag-antonia-sastre tag-campanet tag-catalina-cladera tag-javier-de-juan tag-psib-psoe tag-rosa-bestard tag-socialistes-de-campanet\" role=\"article\">\n\t\t<figure class=\"post-gallery\"><img loading=\"lazy\" decoding=\"async\" width=\"600\" height=\"400\" src=\"https:\/\/www.psib-psoe.org\/mallorca\/wp-content\/uploads\/010923-Socialistes-de-Campanet-600x400.jpeg\" class=\"attachment-notio-general-x2 size-notio-general-x2 wp-post-image\" alt=\"\" srcset=\"https:\/\/www.psib-psoe.org\/mallorca\/wp-content\/uploads\/010923-Socialistes-de-Campanet-600x400.jpeg 600w, https:\/\/www.psib-psoe.org\/mallorca\/wp-content\/uploads\/010923-Socialistes-de-Campanet-300x200.jpeg 300w, https:\/\/www.psib-psoe.org\/mallorca\/wp-content\/uploads\/010923-Socialistes-de-Campanet-20x13.jpeg 20w\" sizes=\"(max-width: 600px) 100vw, 600px\" \/><\/figure>\n\t\t<div class=\"blog-top\">\n\t\t\t<header class=\"post-title entry-header\">\n\t\t\t\t<aside class=\"post-meta cf\">\n\t\t21\/05\/2024 \/ <a href=\"https:\/\/www.psib-psoe.org\/mallorca\/category\/federacio-de-mallorca\/\" rel=\"category tag\">Federaci\u00f3 de Mallorca<\/a>, <a href=\"https:\/\/www.psib-psoe.org\/mallorca\/category\/federacio-de-mallorca-portada\/\" rel=\"category tag\">Federaci\u00f3 de Mallorca - Portada<\/a>, <a href=\"https:\/\/www.psib-psoe.org\/mallorca\/category\/municipis\/\" rel=\"category tag\">Municipis<\/a>, <a href=\"https:\/\/www.psib-psoe.org\/mallorca\/category\/portada\/\" rel=\"category tag\">Portada<\/a><\/aside>\n\t\t\t\t<h3 itemprop=\"headline\"><a href=\"https:\/\/www.psib-psoe.org\/mallorca\/els-socialistes-de-campanet-consideren-que-una-questio-de-confianca-no-resoldra-la-manca-destabilitat-de-iajuntament\/\" title=\"Els Socialistes de Campanet consideren que una q\u00fcesti\u00f3 de confian\u00e7a no resoldr\u00e0 la manca d\u2019estabilitat de I\u2019Ajuntament\">Els Socialistes de Campanet consideren que una q\u00fcesti\u00f3 de confian\u00e7a no resoldr\u00e0 la manca d\u2019estabilitat de I\u2019Ajuntament<\/a><\/h3>\n\t\t\t<\/header>\n\t\t<\/div>\n\t\t<div class=\"post-content\">\n\t\t\t<a href=\"https:\/\/www.psib-psoe.org\/mallorca\/els-socialistes-de-campanet-consideren-que-una-questio-de-confianca-no-resoldra-la-manca-destabilitat-de-iajuntament\/\" class=\"more-link\">Read More<\/a>\n\t\t<\/div>\n\t\t\t<aside class=\"post-bottom-meta hide\">\n\t\t<strong rel=\"author\" itemprop=\"author\" class=\"author vcard\"><span class=\"fn\">Albert<\/span><\/strong>\n\t\t<time class=\"date published time\" datetime=\"2024-05-21T12:35:05+02:00\" itemprop=\"datePublished\" content=\"2024-05-21T12:35:05+02:00\">21\/05\/2024<\/time>\n\t\t<meta itemprop=\"dateModified\" class=\"date updated\" content=\"2024-10-14T11:40:31+02:00\">\n\t\t<span class=\"hide\" itemprop=\"publisher\" itemscope itemtype=\"https:\/\/schema.org\/Organization\">\n\t\t\t<meta itemprop=\"name\" content=\"SocialistesdMca\">\n\t\t\t<span itemprop=\"logo\" itemscope itemtype=\"https:\/\/schema.org\/ImageObject\">\n\t\t\t\t<meta itemprop=\"url\" content=\"https:\/\/www.psib-psoe.org\/mallorca\/wp-content\/themes\/notio-wp\/assets\/img\/logo.png\">\n\t\t\t<\/span>\n\t\t\t<meta itemprop=\"url\" content=\"https:\/\/www.psib-psoe.org\/mallorca\/\">\n\t\t<\/span>\n\t\t\t\t<span class=\"hide\" itemprop=\"image\" itemscope itemtype=\"http:\/\/schema.org\/ImageObject\">\n\t\t\t<meta itemprop=\"url\" content=\"https:\/\/www.psib-psoe.org\/mallorca\/wp-content\/uploads\/010923-Socialistes-de-Campanet.jpeg\">\n\t\t\t<meta itemprop=\"width\" content=\"721\">\n\t\t\t<meta itemprop=\"height\" content=\"462\">\n\t\t<\/span>\n\t\t\t\t<meta itemscope itemprop=\"mainEntityOfPage\" itemtype=\"https:\/\/schema.org\/WebPage\" itemid=\"https:\/\/www.psib-psoe.org\/mallorca\/els-socialistes-de-campanet-consideren-que-una-questio-de-confianca-no-resoldra-la-manca-destabilitat-de-iajuntament\/\">\n\t<\/aside>\n\t\t<\/article>\n<\/div>\n<div class=\"small-12 large-4 columns\">\n\t<article itemscope itemtype=\"http:\/\/schema.org\/Article\" class=\"post blog-style7 alt post-28637 type-post status-publish format-standard has-post-thumbnail hentry category-consell-de-mallorca category-federacio-de-mallorca category-federacio-de-mallorca-portada category-portada tag-catalina-cladera tag-federacio-socialista-de-mallorca tag-psib-psoe tag-sofia-alonso\" role=\"article\">\n\t\t<figure class=\"post-gallery\"><img loading=\"lazy\" decoding=\"async\" width=\"600\" height=\"400\" src=\"https:\/\/www.psib-psoe.org\/mallorca\/wp-content\/uploads\/040424-Foto-arxiu-Sofia-Alonso-600x400.jpg\" class=\"attachment-notio-general-x2 size-notio-general-x2 wp-post-image\" alt=\"\" srcset=\"https:\/\/www.psib-psoe.org\/mallorca\/wp-content\/uploads\/040424-Foto-arxiu-Sofia-Alonso-600x400.jpg 600w, https:\/\/www.psib-psoe.org\/mallorca\/wp-content\/uploads\/040424-Foto-arxiu-Sofia-Alonso-300x200.jpg 300w, https:\/\/www.psib-psoe.org\/mallorca\/wp-content\/uploads\/040424-Foto-arxiu-Sofia-Alonso-900x600.jpg 900w, https:\/\/www.psib-psoe.org\/mallorca\/wp-content\/uploads\/040424-Foto-arxiu-Sofia-Alonso-20x13.jpg 20w\" sizes=\"(max-width: 600px) 100vw, 600px\" \/><\/figure>\n\t\t<div class=\"blog-top\">\n\t\t\t<header class=\"post-title entry-header\">\n\t\t\t\t<aside class=\"post-meta cf\">\n\t\t21\/05\/2024 \/ <a href=\"https:\/\/www.psib-psoe.org\/mallorca\/category\/consell-de-mallorca\/\" rel=\"category tag\">Consell de Mallorca<\/a>, <a href=\"https:\/\/www.psib-psoe.org\/mallorca\/category\/federacio-de-mallorca\/\" rel=\"category tag\">Federaci\u00f3 de Mallorca<\/a>, <a href=\"https:\/\/www.psib-psoe.org\/mallorca\/category\/federacio-de-mallorca-portada\/\" rel=\"category tag\">Federaci\u00f3 de Mallorca - Portada<\/a>, <a href=\"https:\/\/www.psib-psoe.org\/mallorca\/category\/portada\/\" rel=\"category tag\">Portada<\/a><\/aside>\n\t\t\t\t<h3 itemprop=\"headline\"><a href=\"https:\/\/www.psib-psoe.org\/mallorca\/limas-es-torba-mes-dun-any-en-anunciar-les-mateixa-ajudes-per-ladaptacio-dels-centres-assistencials-0-3-anys-a-mallorca-aprovades-la-passada-legislatura\/\" title=\"L\u2019IMAS es torba m\u00e9s d\u2019un any en anunciar les mateixes ajudes per a l\u2019adaptaci\u00f3 dels centres assistencials 0-3 anys a Mallorca aprovades la passada legislatura.\">L\u2019IMAS es torba m\u00e9s d\u2019un any en anunciar les mateixes ajudes per a l\u2019adaptaci\u00f3 dels centres assistencials 0-3 anys a Mallorca aprovades la passada legislatura.<\/a><\/h3>\n\t\t\t<\/header>\n\t\t<\/div>\n\t\t<div class=\"post-content\">\n\t\t\t<a href=\"https:\/\/www.psib-psoe.org\/mallorca\/limas-es-torba-mes-dun-any-en-anunciar-les-mateixa-ajudes-per-ladaptacio-dels-centres-assistencials-0-3-anys-a-mallorca-aprovades-la-passada-legislatura\/\" class=\"more-link\">Read More<\/a>\n\t\t<\/div>\n\t\t\t<aside class=\"post-bottom-meta hide\">\n\t\t<strong rel=\"author\" itemprop=\"author\" class=\"author vcard\"><span class=\"fn\">Albert<\/span><\/strong>\n\t\t<time class=\"date published time\" datetime=\"2024-05-21T10:40:28+02:00\" itemprop=\"datePublished\" content=\"2024-05-21T10:40:28+02:00\">21\/05\/2024<\/time>\n\t\t<meta itemprop=\"dateModified\" class=\"date updated\" content=\"2024-10-14T11:40:31+02:00\">\n\t\t<span class=\"hide\" itemprop=\"publisher\" itemscope itemtype=\"https:\/\/schema.org\/Organization\">\n\t\t\t<meta itemprop=\"name\" content=\"SocialistesdMca\">\n\t\t\t<span itemprop=\"logo\" itemscope itemtype=\"https:\/\/schema.org\/ImageObject\">\n\t\t\t\t<meta itemprop=\"url\" content=\"https:\/\/www.psib-psoe.org\/mallorca\/wp-content\/themes\/notio-wp\/assets\/img\/logo.png\">\n\t\t\t<\/span>\n\t\t\t<meta itemprop=\"url\" content=\"https:\/\/www.psib-psoe.org\/mallorca\/\">\n\t\t<\/span>\n\t\t\t\t<span class=\"hide\" itemprop=\"image\" itemscope itemtype=\"http:\/\/schema.org\/ImageObject\">\n\t\t\t<meta itemprop=\"url\" content=\"https:\/\/www.psib-psoe.org\/mallorca\/wp-content\/uploads\/040424-Foto-arxiu-Sofia-Alonso.jpg\">\n\t\t\t<meta itemprop=\"width\" content=\"2902\">\n\t\t\t<meta itemprop=\"height\" content=\"2480\">\n\t\t<\/span>\n\t\t\t\t<meta itemscope itemprop=\"mainEntityOfPage\" itemtype=\"https:\/\/schema.org\/WebPage\" itemid=\"https:\/\/www.psib-psoe.org\/mallorca\/limas-es-torba-mes-dun-any-en-anunciar-les-mateixa-ajudes-per-ladaptacio-dels-centres-assistencials-0-3-anys-a-mallorca-aprovades-la-passada-legislatura\/\">\n\t<\/aside>\n\t\t<\/article>\n<\/div>\n<div class=\"small-12 large-4 columns\">\n\t<article itemscope itemtype=\"http:\/\/schema.org\/Article\" class=\"post blog-style7 alt post-28632 type-post status-publish format-standard has-post-thumbnail hentry category-consell-de-mallorca category-federacio-de-mallorca category-federacio-de-mallorca-portada category-municipis category-portada tag-andreu-serra tag-catalina-cladera tag-federacio-socialista-de-mallorca tag-javier-de-juan tag-psib-psoe\" role=\"article\">\n\t\t<figure class=\"post-gallery\"><img loading=\"lazy\" decoding=\"async\" width=\"600\" height=\"400\" src=\"https:\/\/www.psib-psoe.org\/mallorca\/wp-content\/uploads\/Rdp-rebaixa-places-Andreu-600x400.jpg\" class=\"attachment-notio-general-x2 size-notio-general-x2 wp-post-image\" alt=\"\" srcset=\"https:\/\/www.psib-psoe.org\/mallorca\/wp-content\/uploads\/Rdp-rebaixa-places-Andreu-600x400.jpg 600w, https:\/\/www.psib-psoe.org\/mallorca\/wp-content\/uploads\/Rdp-rebaixa-places-Andreu-300x200.jpg 300w, https:\/\/www.psib-psoe.org\/mallorca\/wp-content\/uploads\/Rdp-rebaixa-places-Andreu-20x13.jpg 20w, https:\/\/www.psib-psoe.org\/mallorca\/wp-content\/uploads\/Rdp-rebaixa-places-Andreu-900x600.jpg 900w\" sizes=\"(max-width: 600px) 100vw, 600px\" \/><\/figure>\n\t\t<div class=\"blog-top\">\n\t\t\t<header class=\"post-title entry-header\">\n\t\t\t\t<aside class=\"post-meta cf\">\n\t\t17\/05\/2024 \/ <a href=\"https:\/\/www.psib-psoe.org\/mallorca\/category\/consell-de-mallorca\/\" rel=\"category tag\">Consell de Mallorca<\/a>, <a href=\"https:\/\/www.psib-psoe.org\/mallorca\/category\/federacio-de-mallorca\/\" rel=\"category tag\">Federaci\u00f3 de Mallorca<\/a>, <a href=\"https:\/\/www.psib-psoe.org\/mallorca\/category\/federacio-de-mallorca-portada\/\" rel=\"category tag\">Federaci\u00f3 de Mallorca - Portada<\/a>, <a href=\"https:\/\/www.psib-psoe.org\/mallorca\/category\/municipis\/\" rel=\"category tag\">Municipis<\/a>, <a href=\"https:\/\/www.psib-psoe.org\/mallorca\/category\/portada\/\" rel=\"category tag\">Portada<\/a><\/aside>\n\t\t\t\t<h3 itemprop=\"headline\"><a href=\"https:\/\/www.psib-psoe.org\/mallorca\/els-socialistes-rebutgen-les-mentides-del-conseller-de-turisme-marcial-rodriguez-per-intentar-responsabilitzar-lanterior-equip-de-govern-de-la-situacio-de-lhostatgeria-de-lluc\/\" title=\"Els Socialistes rebutgen les mentides del conseller de Turisme, Marcial Rodr\u00edguez, per intentar responsabilitzar l&#8217;anterior equip de Govern de la situaci\u00f3 de l&#8217;hostatgeria de Lluc.\">Els Socialistes rebutgen les mentides del conseller de Turisme, Marcial Rodr\u00edguez, per intentar responsabilitzar l&#8217;anterior equip de Govern de la situaci\u00f3 de l&#8217;hostatgeria de Lluc.<\/a><\/h3>\n\t\t\t<\/header>\n\t\t<\/div>\n\t\t<div class=\"post-content\">\n\t\t\t<a href=\"https:\/\/www.psib-psoe.org\/mallorca\/els-socialistes-rebutgen-les-mentides-del-conseller-de-turisme-marcial-rodriguez-per-intentar-responsabilitzar-lanterior-equip-de-govern-de-la-situacio-de-lhostatgeria-de-lluc\/\" class=\"more-link\">Read More<\/a>\n\t\t<\/div>\n\t\t\t<aside class=\"post-bottom-meta hide\">\n\t\t<strong rel=\"author\" itemprop=\"author\" class=\"author vcard\"><span class=\"fn\">Albert<\/span><\/strong>\n\t\t<time class=\"date published time\" datetime=\"2024-05-17T13:32:33+02:00\" itemprop=\"datePublished\" content=\"2024-05-17T13:32:33+02:00\">17\/05\/2024<\/time>\n\t\t<meta itemprop=\"dateModified\" class=\"date updated\" content=\"2024-10-14T11:40:31+02:00\">\n\t\t<span class=\"hide\" itemprop=\"publisher\" itemscope itemtype=\"https:\/\/schema.org\/Organization\">\n\t\t\t<meta itemprop=\"name\" content=\"SocialistesdMca\">\n\t\t\t<span itemprop=\"logo\" itemscope itemtype=\"https:\/\/schema.org\/ImageObject\">\n\t\t\t\t<meta itemprop=\"url\" content=\"https:\/\/www.psib-psoe.org\/mallorca\/wp-content\/themes\/notio-wp\/assets\/img\/logo.png\">\n\t\t\t<\/span>\n\t\t\t<meta itemprop=\"url\" content=\"https:\/\/www.psib-psoe.org\/mallorca\/\">\n\t\t<\/span>\n\t\t\t\t<span class=\"hide\" itemprop=\"image\" itemscope itemtype=\"http:\/\/schema.org\/ImageObject\">\n\t\t\t<meta itemprop=\"url\" content=\"https:\/\/www.psib-psoe.org\/mallorca\/wp-content\/uploads\/Rdp-rebaixa-places-Andreu.jpg\">\n\t\t\t<meta itemprop=\"width\" content=\"1033\">\n\t\t\t<meta itemprop=\"height\" content=\"638\">\n\t\t<\/span>\n\t\t\t\t<meta itemscope itemprop=\"mainEntityOfPage\" itemtype=\"https:\/\/schema.org\/WebPage\" itemid=\"https:\/\/www.psib-psoe.org\/mallorca\/els-socialistes-rebutgen-les-mentides-del-conseller-de-turisme-marcial-rodriguez-per-intentar-responsabilitzar-lanterior-equip-de-govern-de-la-situacio-de-lhostatgeria-de-lluc\/\">\n\t<\/aside>\n\t\t<\/article>\n<\/div>\n<div class=\"small-12 large-4 columns\">\n\t<article itemscope itemtype=\"http:\/\/schema.org\/Article\" class=\"post blog-style7 alt post-28630 type-post status-publish format-standard has-post-thumbnail hentry category-consell-de-mallorca category-federacio-de-mallorca category-federacio-de-mallorca-portada category-municipis category-portada tag-federacio-socialista-de-mallorca tag-javier-de-juan tag-joan-ferrer tag-psib-psoe\" role=\"article\">\n\t\t<figure class=\"post-gallery\"><img loading=\"lazy\" decoding=\"async\" width=\"600\" height=\"400\" src=\"https:\/\/www.psib-psoe.org\/mallorca\/wp-content\/uploads\/Ferrer-Principal-1-600x400.jpg\" class=\"attachment-notio-general-x2 size-notio-general-x2 wp-post-image\" alt=\"\" srcset=\"https:\/\/www.psib-psoe.org\/mallorca\/wp-content\/uploads\/Ferrer-Principal-1-600x400.jpg 600w, https:\/\/www.psib-psoe.org\/mallorca\/wp-content\/uploads\/Ferrer-Principal-1-300x200.jpg 300w, https:\/\/www.psib-psoe.org\/mallorca\/wp-content\/uploads\/Ferrer-Principal-1-900x600.jpg 900w, https:\/\/www.psib-psoe.org\/mallorca\/wp-content\/uploads\/Ferrer-Principal-1-20x13.jpg 20w\" sizes=\"(max-width: 600px) 100vw, 600px\" \/><\/figure>\n\t\t<div class=\"blog-top\">\n\t\t\t<header class=\"post-title entry-header\">\n\t\t\t\t<aside class=\"post-meta cf\">\n\t\t17\/05\/2024 \/ <a href=\"https:\/\/www.psib-psoe.org\/mallorca\/category\/consell-de-mallorca\/\" rel=\"category tag\">Consell de Mallorca<\/a>, <a href=\"https:\/\/www.psib-psoe.org\/mallorca\/category\/federacio-de-mallorca\/\" rel=\"category tag\">Federaci\u00f3 de Mallorca<\/a>, <a href=\"https:\/\/www.psib-psoe.org\/mallorca\/category\/federacio-de-mallorca-portada\/\" rel=\"category tag\">Federaci\u00f3 de Mallorca - Portada<\/a>, <a href=\"https:\/\/www.psib-psoe.org\/mallorca\/category\/municipis\/\" rel=\"category tag\">Municipis<\/a>, <a href=\"https:\/\/www.psib-psoe.org\/mallorca\/category\/portada\/\" rel=\"category tag\">Portada<\/a><\/aside>\n\t\t\t\t<h3 itemprop=\"headline\"><a href=\"https:\/\/www.psib-psoe.org\/mallorca\/el-consell-de-mallorca-ppvox-deixa-de-reivindicar-els-drets-del-collectiu-lgtbi-en-el-dia-contra-la-lgtbi-fobia\/\" title=\"El Consell de Mallorca PPVOX deixa de reivindicar els drets del col\u00b7lectiu LGTBI en el dia contra la LGTBI-f\u00f2bia.\">El Consell de Mallorca PPVOX deixa de reivindicar els drets del col\u00b7lectiu LGTBI en el dia contra la LGTBI-f\u00f2bia.<\/a><\/h3>\n\t\t\t<\/header>\n\t\t<\/div>\n\t\t<div class=\"post-content\">\n\t\t\t<a href=\"https:\/\/www.psib-psoe.org\/mallorca\/el-consell-de-mallorca-ppvox-deixa-de-reivindicar-els-drets-del-collectiu-lgtbi-en-el-dia-contra-la-lgtbi-fobia\/\" class=\"more-link\">Read More<\/a>\n\t\t<\/div>\n\t\t\t<aside class=\"post-bottom-meta hide\">\n\t\t<strong rel=\"author\" itemprop=\"author\" class=\"author vcard\"><span class=\"fn\">Albert<\/span><\/strong>\n\t\t<time class=\"date published time\" datetime=\"2024-05-17T11:35:50+02:00\" itemprop=\"datePublished\" content=\"2024-05-17T11:35:50+02:00\">17\/05\/2024<\/time>\n\t\t<meta itemprop=\"dateModified\" class=\"date updated\" content=\"2024-10-14T11:40:31+02:00\">\n\t\t<span class=\"hide\" itemprop=\"publisher\" itemscope itemtype=\"https:\/\/schema.org\/Organization\">\n\t\t\t<meta itemprop=\"name\" content=\"SocialistesdMca\">\n\t\t\t<span itemprop=\"logo\" itemscope itemtype=\"https:\/\/schema.org\/ImageObject\">\n\t\t\t\t<meta itemprop=\"url\" content=\"https:\/\/www.psib-psoe.org\/mallorca\/wp-content\/themes\/notio-wp\/assets\/img\/logo.png\">\n\t\t\t<\/span>\n\t\t\t<meta itemprop=\"url\" content=\"https:\/\/www.psib-psoe.org\/mallorca\/\">\n\t\t<\/span>\n\t\t\t\t<span class=\"hide\" itemprop=\"image\" itemscope itemtype=\"http:\/\/schema.org\/ImageObject\">\n\t\t\t<meta itemprop=\"url\" content=\"https:\/\/www.psib-psoe.org\/mallorca\/wp-content\/uploads\/Ferrer-Principal-1.jpg\">\n\t\t\t<meta itemprop=\"width\" content=\"2000\">\n\t\t\t<meta itemprop=\"height\" content=\"1128\">\n\t\t<\/span>\n\t\t\t\t<meta itemscope itemprop=\"mainEntityOfPage\" itemtype=\"https:\/\/schema.org\/WebPage\" itemid=\"https:\/\/www.psib-psoe.org\/mallorca\/el-consell-de-mallorca-ppvox-deixa-de-reivindicar-els-drets-del-collectiu-lgtbi-en-el-dia-contra-la-lgtbi-fobia\/\">\n\t<\/aside>\n\t\t<\/article>\n<\/div>\n<div class=\"small-12 large-4 columns\">\n\t<article itemscope itemtype=\"http:\/\/schema.org\/Article\" class=\"post blog-style7 alt post-28627 type-post status-publish format-standard has-post-thumbnail hentry category-consell-de-mallorca category-federacio-de-mallorca category-federacio-de-mallorca-portada category-municipis category-portada tag-andreu-serra tag-catalina-cladera tag-federacio-socialista-de-mallorca tag-javier-de-juan tag-psib-psoe\" role=\"article\">\n\t\t<figure class=\"post-gallery\"><img loading=\"lazy\" decoding=\"async\" width=\"600\" height=\"400\" src=\"https:\/\/www.psib-psoe.org\/mallorca\/wp-content\/uploads\/Rdp-rebaixa-places-eliminaci\u00f3-600x400.jpeg\" class=\"attachment-notio-general-x2 size-notio-general-x2 wp-post-image\" alt=\"\" srcset=\"https:\/\/www.psib-psoe.org\/mallorca\/wp-content\/uploads\/Rdp-rebaixa-places-eliminaci\u00f3-600x400.jpeg 600w, https:\/\/www.psib-psoe.org\/mallorca\/wp-content\/uploads\/Rdp-rebaixa-places-eliminaci\u00f3-300x200.jpeg 300w, https:\/\/www.psib-psoe.org\/mallorca\/wp-content\/uploads\/Rdp-rebaixa-places-eliminaci\u00f3-900x600.jpeg 900w, https:\/\/www.psib-psoe.org\/mallorca\/wp-content\/uploads\/Rdp-rebaixa-places-eliminaci\u00f3-20x13.jpeg 20w\" sizes=\"(max-width: 600px) 100vw, 600px\" \/><\/figure>\n\t\t<div class=\"blog-top\">\n\t\t\t<header class=\"post-title entry-header\">\n\t\t\t\t<aside class=\"post-meta cf\">\n\t\t16\/05\/2024 \/ <a href=\"https:\/\/www.psib-psoe.org\/mallorca\/category\/consell-de-mallorca\/\" rel=\"category tag\">Consell de Mallorca<\/a>, <a href=\"https:\/\/www.psib-psoe.org\/mallorca\/category\/federacio-de-mallorca\/\" rel=\"category tag\">Federaci\u00f3 de Mallorca<\/a>, <a href=\"https:\/\/www.psib-psoe.org\/mallorca\/category\/federacio-de-mallorca-portada\/\" rel=\"category tag\">Federaci\u00f3 de Mallorca - Portada<\/a>, <a href=\"https:\/\/www.psib-psoe.org\/mallorca\/category\/municipis\/\" rel=\"category tag\">Municipis<\/a>, <a href=\"https:\/\/www.psib-psoe.org\/mallorca\/category\/portada\/\" rel=\"category tag\">Portada<\/a><\/aside>\n\t\t\t\t<h3 itemprop=\"headline\"><a href=\"https:\/\/www.psib-psoe.org\/mallorca\/la-rebaixa-de-places-turistiques-de-galmes-no-es-real-afecta-places-ja-eliminades-fa-un-any-i-no-sen-sap-ni-el-com-ni-el-per-que\/\" title=\"La rebaixa de places tur\u00edstiques de Galm\u00e9s no \u00e9s real, afecta places ja eliminades fa un any i no se&#8217;n sap ni el com ni el per qu\u00e8.\">La rebaixa de places tur\u00edstiques de Galm\u00e9s no \u00e9s real, afecta places ja eliminades fa un any i no se&#8217;n sap ni el com ni el per qu\u00e8.<\/a><\/h3>\n\t\t\t<\/header>\n\t\t<\/div>\n\t\t<div class=\"post-content\">\n\t\t\t<a href=\"https:\/\/www.psib-psoe.org\/mallorca\/la-rebaixa-de-places-turistiques-de-galmes-no-es-real-afecta-places-ja-eliminades-fa-un-any-i-no-sen-sap-ni-el-com-ni-el-per-que\/\" class=\"more-link\">Read More<\/a>\n\t\t<\/div>\n\t\t\t<aside class=\"post-bottom-meta hide\">\n\t\t<strong rel=\"author\" itemprop=\"author\" class=\"author vcard\"><span class=\"fn\">Albert<\/span><\/strong>\n\t\t<time class=\"date published time\" datetime=\"2024-05-16T13:56:41+02:00\" itemprop=\"datePublished\" content=\"2024-05-16T13:56:41+02:00\">16\/05\/2024<\/time>\n\t\t<meta itemprop=\"dateModified\" class=\"date updated\" content=\"2024-10-14T11:40:32+02:00\">\n\t\t<span class=\"hide\" itemprop=\"publisher\" itemscope itemtype=\"https:\/\/schema.org\/Organization\">\n\t\t\t<meta itemprop=\"name\" content=\"SocialistesdMca\">\n\t\t\t<span itemprop=\"logo\" itemscope itemtype=\"https:\/\/schema.org\/ImageObject\">\n\t\t\t\t<meta itemprop=\"url\" content=\"https:\/\/www.psib-psoe.org\/mallorca\/wp-content\/themes\/notio-wp\/assets\/img\/logo.png\">\n\t\t\t<\/span>\n\t\t\t<meta itemprop=\"url\" content=\"https:\/\/www.psib-psoe.org\/mallorca\/\">\n\t\t<\/span>\n\t\t\t\t<span class=\"hide\" itemprop=\"image\" itemscope itemtype=\"http:\/\/schema.org\/ImageObject\">\n\t\t\t<meta itemprop=\"url\" content=\"https:\/\/www.psib-psoe.org\/mallorca\/wp-content\/uploads\/Rdp-rebaixa-places-eliminaci\u00f3.jpeg\">\n\t\t\t<meta itemprop=\"width\" content=\"1600\">\n\t\t\t<meta itemprop=\"height\" content=\"1200\">\n\t\t<\/span>\n\t\t\t\t<meta itemscope itemprop=\"mainEntityOfPage\" itemtype=\"https:\/\/schema.org\/WebPage\" itemid=\"https:\/\/www.psib-psoe.org\/mallorca\/la-rebaixa-de-places-turistiques-de-galmes-no-es-real-afecta-places-ja-eliminades-fa-un-any-i-no-sen-sap-ni-el-com-ni-el-per-que\/\">\n\t<\/aside>\n\t\t<\/article>\n<\/div>\n<div class=\"small-12 large-4 columns\">\n\t<article itemscope itemtype=\"http:\/\/schema.org\/Article\" class=\"post blog-style7 alt post-28610 type-post status-publish format-standard has-post-thumbnail hentry category-consell-de-mallorca category-federacio-de-mallorca category-federacio-de-mallorca-portada category-municipis category-portada tag-catalina-cladera tag-federacio-socialista-de-mallorca tag-javier-de-juan tag-psib-psoe\" role=\"article\">\n\t\t<figure class=\"post-gallery\"><img loading=\"lazy\" decoding=\"async\" width=\"600\" height=\"400\" src=\"https:\/\/www.psib-psoe.org\/mallorca\/wp-content\/uploads\/Disseny-sense-ti\u0301tol-5-600x400.jpg\" class=\"attachment-notio-general-x2 size-notio-general-x2 wp-post-image\" alt=\"\" srcset=\"https:\/\/www.psib-psoe.org\/mallorca\/wp-content\/uploads\/Disseny-sense-ti\u0301tol-5-600x400.jpg 600w, https:\/\/www.psib-psoe.org\/mallorca\/wp-content\/uploads\/Disseny-sense-ti\u0301tol-5-300x200.jpg 300w, https:\/\/www.psib-psoe.org\/mallorca\/wp-content\/uploads\/Disseny-sense-ti\u0301tol-5-900x600.jpg 900w, https:\/\/www.psib-psoe.org\/mallorca\/wp-content\/uploads\/Disseny-sense-ti\u0301tol-5-20x13.jpg 20w\" sizes=\"(max-width: 600px) 100vw, 600px\" \/><\/figure>\n\t\t<div class=\"blog-top\">\n\t\t\t<header class=\"post-title entry-header\">\n\t\t\t\t<aside class=\"post-meta cf\">\n\t\t10\/05\/2024 \/ <a href=\"https:\/\/www.psib-psoe.org\/mallorca\/category\/consell-de-mallorca\/\" rel=\"category tag\">Consell de Mallorca<\/a>, <a href=\"https:\/\/www.psib-psoe.org\/mallorca\/category\/federacio-de-mallorca\/\" rel=\"category tag\">Federaci\u00f3 de Mallorca<\/a>, <a href=\"https:\/\/www.psib-psoe.org\/mallorca\/category\/federacio-de-mallorca-portada\/\" rel=\"category tag\">Federaci\u00f3 de Mallorca - Portada<\/a>, <a href=\"https:\/\/www.psib-psoe.org\/mallorca\/category\/municipis\/\" rel=\"category tag\">Municipis<\/a>, <a href=\"https:\/\/www.psib-psoe.org\/mallorca\/category\/portada\/\" rel=\"category tag\">Portada<\/a><\/aside>\n\t\t\t\t<h3 itemprop=\"headline\"><a href=\"https:\/\/www.psib-psoe.org\/mallorca\/els-socialistes-de-mallorca-exigeixen-galmes-que-elimini-immediatament-les-referencies-al-balea-a-les-webs-municipals-que-gestiona-el-consell-i-obri-expedient-als-responsables\/\" title=\"Els Socialistes de Mallorca exigeixen Galm\u00e9s que elimini immediatament les refer\u00e8ncies al  &#8216;bal\u00e9\u00e0&#8217; a les webs municipals que gestiona el Consell i obri expedient als responsables.\">Els Socialistes de Mallorca exigeixen Galm\u00e9s que elimini immediatament les refer\u00e8ncies al  &#8216;bal\u00e9\u00e0&#8217; a les webs municipals que gestiona el Consell i obri expedient als responsables.<\/a><\/h3>\n\t\t\t<\/header>\n\t\t<\/div>\n\t\t<div class=\"post-content\">\n\t\t\t<a href=\"https:\/\/www.psib-psoe.org\/mallorca\/els-socialistes-de-mallorca-exigeixen-galmes-que-elimini-immediatament-les-referencies-al-balea-a-les-webs-municipals-que-gestiona-el-consell-i-obri-expedient-als-responsables\/\" class=\"more-link\">Read More<\/a>\n\t\t<\/div>\n\t\t\t<aside class=\"post-bottom-meta hide\">\n\t\t<strong rel=\"author\" itemprop=\"author\" class=\"author vcard\"><span class=\"fn\">Albert<\/span><\/strong>\n\t\t<time class=\"date published time\" datetime=\"2024-05-10T16:26:08+02:00\" itemprop=\"datePublished\" content=\"2024-05-10T16:26:08+02:00\">10\/05\/2024<\/time>\n\t\t<meta itemprop=\"dateModified\" class=\"date updated\" content=\"2024-10-14T11:40:32+02:00\">\n\t\t<span class=\"hide\" itemprop=\"publisher\" itemscope itemtype=\"https:\/\/schema.org\/Organization\">\n\t\t\t<meta itemprop=\"name\" content=\"SocialistesdMca\">\n\t\t\t<span itemprop=\"logo\" itemscope itemtype=\"https:\/\/schema.org\/ImageObject\">\n\t\t\t\t<meta itemprop=\"url\" content=\"https:\/\/www.psib-psoe.org\/mallorca\/wp-content\/themes\/notio-wp\/assets\/img\/logo.png\">\n\t\t\t<\/span>\n\t\t\t<meta itemprop=\"url\" content=\"https:\/\/www.psib-psoe.org\/mallorca\/\">\n\t\t<\/span>\n\t\t\t\t<span class=\"hide\" itemprop=\"image\" itemscope itemtype=\"http:\/\/schema.org\/ImageObject\">\n\t\t\t<meta itemprop=\"url\" content=\"https:\/\/www.psib-psoe.org\/mallorca\/wp-content\/uploads\/Disseny-sense-ti\u0301tol-5.jpg\">\n\t\t\t<meta itemprop=\"width\" content=\"1920\">\n\t\t\t<meta itemprop=\"height\" content=\"1080\">\n\t\t<\/span>\n\t\t\t\t<meta itemscope itemprop=\"mainEntityOfPage\" itemtype=\"https:\/\/schema.org\/WebPage\" itemid=\"https:\/\/www.psib-psoe.org\/mallorca\/els-socialistes-de-mallorca-exigeixen-galmes-que-elimini-immediatament-les-referencies-al-balea-a-les-webs-municipals-que-gestiona-el-consell-i-obri-expedient-als-responsables\/\">\n\t<\/aside>\n\t\t<\/article>\n<\/div>\n<div class=\"small-12 large-4 columns\">\n\t<article itemscope itemtype=\"http:\/\/schema.org\/Article\" class=\"post blog-style7 alt post-28601 type-post status-publish format-standard has-post-thumbnail hentry category-federacio-de-mallorca tag-federacio-socialista-de-mallorca\" role=\"article\">\n\t\t<figure class=\"post-gallery\"><img loading=\"lazy\" decoding=\"async\" width=\"600\" height=\"400\" src=\"https:\/\/www.psib-psoe.org\/mallorca\/wp-content\/uploads\/no_image-600x400.png\" class=\"attachment-notio-general-x2 size-notio-general-x2 wp-post-image\" alt=\"\" srcset=\"https:\/\/www.psib-psoe.org\/mallorca\/wp-content\/uploads\/no_image-600x400.png 600w, https:\/\/www.psib-psoe.org\/mallorca\/wp-content\/uploads\/no_image-300x200.png 300w, https:\/\/www.psib-psoe.org\/mallorca\/wp-content\/uploads\/no_image-900x600.png 900w, https:\/\/www.psib-psoe.org\/mallorca\/wp-content\/uploads\/no_image-20x13.png 20w\" sizes=\"(max-width: 600px) 100vw, 600px\" \/><\/figure>\n\t\t<div class=\"blog-top\">\n\t\t\t<header class=\"post-title entry-header\">\n\t\t\t\t<aside class=\"post-meta cf\">\n\t\t10\/05\/2024 \/ <a href=\"https:\/\/www.psib-psoe.org\/mallorca\/category\/federacio-de-mallorca\/\" rel=\"category tag\">Federaci\u00f3 de Mallorca<\/a><\/aside>\n\t\t\t\t<h3 itemprop=\"headline\"><a href=\"https:\/\/www.psib-psoe.org\/mallorca\/el-psib-psoe-denuncia-la-comercialitzacio-de-230-places-de-lloguer-turistic-illegal-a-palma-i-demana-actuacions-davant-la-inaccio-del-pp\/\" title=\"El PSIB-PSOE denuncia la comercialitzaci\u00f3 de 230 places de lloguer tur\u00edstic il\u00b7legal a Palma i demana actuacions davant la inacci\u00f3 del PP\">El PSIB-PSOE denuncia la comercialitzaci\u00f3 de 230 places de lloguer tur\u00edstic il\u00b7legal a Palma i demana actuacions davant la inacci\u00f3 del PP<\/a><\/h3>\n\t\t\t<\/header>\n\t\t<\/div>\n\t\t<div class=\"post-content\">\n\t\t\t<a href=\"https:\/\/www.psib-psoe.org\/mallorca\/el-psib-psoe-denuncia-la-comercialitzacio-de-230-places-de-lloguer-turistic-illegal-a-palma-i-demana-actuacions-davant-la-inaccio-del-pp\/\" class=\"more-link\">Read More<\/a>\n\t\t<\/div>\n\t\t\t<aside class=\"post-bottom-meta hide\">\n\t\t<strong rel=\"author\" itemprop=\"author\" class=\"author vcard\"><span class=\"fn\">adminpsib<\/span><\/strong>\n\t\t<time class=\"date published time\" datetime=\"2024-05-10T14:24:30+02:00\" itemprop=\"datePublished\" content=\"2024-05-10T14:24:30+02:00\">10\/05\/2024<\/time>\n\t\t<meta itemprop=\"dateModified\" class=\"date updated\" content=\"2024-10-14T11:40:32+02:00\">\n\t\t<span class=\"hide\" itemprop=\"publisher\" itemscope itemtype=\"https:\/\/schema.org\/Organization\">\n\t\t\t<meta itemprop=\"name\" content=\"SocialistesdMca\">\n\t\t\t<span itemprop=\"logo\" itemscope itemtype=\"https:\/\/schema.org\/ImageObject\">\n\t\t\t\t<meta itemprop=\"url\" content=\"https:\/\/www.psib-psoe.org\/mallorca\/wp-content\/themes\/notio-wp\/assets\/img\/logo.png\">\n\t\t\t<\/span>\n\t\t\t<meta itemprop=\"url\" content=\"https:\/\/www.psib-psoe.org\/mallorca\/\">\n\t\t<\/span>\n\t\t\t\t<span class=\"hide\" itemprop=\"image\" itemscope itemtype=\"http:\/\/schema.org\/ImageObject\">\n\t\t\t<meta itemprop=\"url\" content=\"https:\/\/www.psib-psoe.org\/mallorca\/wp-content\/uploads\/no_image.png\">\n\t\t\t<meta itemprop=\"width\" content=\"900\">\n\t\t\t<meta itemprop=\"height\" content=\"800\">\n\t\t<\/span>\n\t\t\t\t<meta itemscope itemprop=\"mainEntityOfPage\" itemtype=\"https:\/\/schema.org\/WebPage\" itemid=\"https:\/\/www.psib-psoe.org\/mallorca\/el-psib-psoe-denuncia-la-comercialitzacio-de-230-places-de-lloguer-turistic-illegal-a-palma-i-demana-actuacions-davant-la-inaccio-del-pp\/\">\n\t<\/aside>\n\t\t<\/article>\n<\/div>\n<div class=\"small-12 large-4 columns\">\n\t<article itemscope itemtype=\"http:\/\/schema.org\/Article\" class=\"post blog-style7 alt post-28603 type-post status-publish format-standard has-post-thumbnail hentry category-consell-de-mallorca category-federacio-de-mallorca category-federacio-de-mallorca-portada category-municipis category-portada tag-andreu-serra tag-catalina-cladera tag-federacio-socialista-de-mallorca tag-javier-de-juan tag-psib-psoe\" role=\"article\">\n\t\t<figure class=\"post-gallery\"><img loading=\"lazy\" decoding=\"async\" width=\"600\" height=\"400\" src=\"https:\/\/www.psib-psoe.org\/mallorca\/wp-content\/uploads\/Javier-600x400.jpeg\" class=\"attachment-notio-general-x2 size-notio-general-x2 wp-post-image\" alt=\"\" srcset=\"https:\/\/www.psib-psoe.org\/mallorca\/wp-content\/uploads\/Javier-600x400.jpeg 600w, https:\/\/www.psib-psoe.org\/mallorca\/wp-content\/uploads\/Javier-300x200.jpeg 300w, https:\/\/www.psib-psoe.org\/mallorca\/wp-content\/uploads\/Javier-20x13.jpeg 20w\" sizes=\"(max-width: 600px) 100vw, 600px\" \/><\/figure>\n\t\t<div class=\"blog-top\">\n\t\t\t<header class=\"post-title entry-header\">\n\t\t\t\t<aside class=\"post-meta cf\">\n\t\t10\/05\/2024 \/ <a href=\"https:\/\/www.psib-psoe.org\/mallorca\/category\/consell-de-mallorca\/\" rel=\"category tag\">Consell de Mallorca<\/a>, <a href=\"https:\/\/www.psib-psoe.org\/mallorca\/category\/federacio-de-mallorca\/\" rel=\"category tag\">Federaci\u00f3 de Mallorca<\/a>, <a href=\"https:\/\/www.psib-psoe.org\/mallorca\/category\/federacio-de-mallorca-portada\/\" rel=\"category tag\">Federaci\u00f3 de Mallorca - Portada<\/a>, <a href=\"https:\/\/www.psib-psoe.org\/mallorca\/category\/municipis\/\" rel=\"category tag\">Municipis<\/a>, <a href=\"https:\/\/www.psib-psoe.org\/mallorca\/category\/portada\/\" rel=\"category tag\">Portada<\/a><\/aside>\n\t\t\t\t<h3 itemprop=\"headline\"><a href=\"https:\/\/www.psib-psoe.org\/mallorca\/la-baixada-del-sostre-de-places-turistiques-de-mallorca-confirma-la-impostura-politica-de-galmes\/\" title=\"La baixada del sostre de places tur\u00edstiques de Mallorca confirma la impostura pol\u00edtica de Galm\u00e9s.\">La baixada del sostre de places tur\u00edstiques de Mallorca confirma la impostura pol\u00edtica de Galm\u00e9s.<\/a><\/h3>\n\t\t\t<\/header>\n\t\t<\/div>\n\t\t<div class=\"post-content\">\n\t\t\t<a href=\"https:\/\/www.psib-psoe.org\/mallorca\/la-baixada-del-sostre-de-places-turistiques-de-mallorca-confirma-la-impostura-politica-de-galmes\/\" class=\"more-link\">Read More<\/a>\n\t\t<\/div>\n\t\t\t<aside class=\"post-bottom-meta hide\">\n\t\t<strong rel=\"author\" itemprop=\"author\" class=\"author vcard\"><span class=\"fn\">Albert<\/span><\/strong>\n\t\t<time class=\"date published time\" datetime=\"2024-05-10T13:30:12+02:00\" itemprop=\"datePublished\" content=\"2024-05-10T13:30:12+02:00\">10\/05\/2024<\/time>\n\t\t<meta itemprop=\"dateModified\" class=\"date updated\" content=\"2024-10-14T11:40:32+02:00\">\n\t\t<span class=\"hide\" itemprop=\"publisher\" itemscope itemtype=\"https:\/\/schema.org\/Organization\">\n\t\t\t<meta itemprop=\"name\" content=\"SocialistesdMca\">\n\t\t\t<span itemprop=\"logo\" itemscope itemtype=\"https:\/\/schema.org\/ImageObject\">\n\t\t\t\t<meta itemprop=\"url\" content=\"https:\/\/www.psib-psoe.org\/mallorca\/wp-content\/themes\/notio-wp\/assets\/img\/logo.png\">\n\t\t\t<\/span>\n\t\t\t<meta itemprop=\"url\" content=\"https:\/\/www.psib-psoe.org\/mallorca\/\">\n\t\t<\/span>\n\t\t\t\t<span class=\"hide\" itemprop=\"image\" itemscope itemtype=\"http:\/\/schema.org\/ImageObject\">\n\t\t\t<meta itemprop=\"url\" content=\"https:\/\/www.psib-psoe.org\/mallorca\/wp-content\/uploads\/Javier.jpeg\">\n\t\t\t<meta itemprop=\"width\" content=\"828\">\n\t\t\t<meta itemprop=\"height\" content=\"1196\">\n\t\t<\/span>\n\t\t\t\t<meta itemscope itemprop=\"mainEntityOfPage\" itemtype=\"https:\/\/schema.org\/WebPage\" itemid=\"https:\/\/www.psib-psoe.org\/mallorca\/la-baixada-del-sostre-de-places-turistiques-de-mallorca-confirma-la-impostura-politica-de-galmes\/\">\n\t<\/aside>\n\t\t<\/article>\n<\/div>\n<div class=\"small-12 large-4 columns\">\n\t<article itemscope itemtype=\"http:\/\/schema.org\/Article\" class=\"post blog-style7 alt post-28597 type-post status-publish format-standard has-post-thumbnail hentry category-consell-de-mallorca category-federacio-de-mallorca category-federacio-de-mallorca-portada category-municipis category-portada tag-andreu-serra tag-catalina-cladera tag-federacio-socialista-de-mallorca tag-javier-de-juan tag-psib-psoe\" role=\"article\">\n\t\t<figure class=\"post-gallery\"><img loading=\"lazy\" decoding=\"async\" width=\"600\" height=\"400\" src=\"https:\/\/www.psib-psoe.org\/mallorca\/wp-content\/uploads\/Ple-maig-600x400.jpeg\" class=\"attachment-notio-general-x2 size-notio-general-x2 wp-post-image\" alt=\"\" srcset=\"https:\/\/www.psib-psoe.org\/mallorca\/wp-content\/uploads\/Ple-maig-600x400.jpeg 600w, https:\/\/www.psib-psoe.org\/mallorca\/wp-content\/uploads\/Ple-maig-300x200.jpeg 300w, https:\/\/www.psib-psoe.org\/mallorca\/wp-content\/uploads\/Ple-maig-900x600.jpeg 900w, https:\/\/www.psib-psoe.org\/mallorca\/wp-content\/uploads\/Ple-maig-20x13.jpeg 20w\" sizes=\"(max-width: 600px) 100vw, 600px\" \/><\/figure>\n\t\t<div class=\"blog-top\">\n\t\t\t<header class=\"post-title entry-header\">\n\t\t\t\t<aside class=\"post-meta cf\">\n\t\t09\/05\/2024 \/ <a href=\"https:\/\/www.psib-psoe.org\/mallorca\/category\/consell-de-mallorca\/\" rel=\"category tag\">Consell de Mallorca<\/a>, <a href=\"https:\/\/www.psib-psoe.org\/mallorca\/category\/federacio-de-mallorca\/\" rel=\"category tag\">Federaci\u00f3 de Mallorca<\/a>, <a href=\"https:\/\/www.psib-psoe.org\/mallorca\/category\/federacio-de-mallorca-portada\/\" rel=\"category tag\">Federaci\u00f3 de Mallorca - Portada<\/a>, <a href=\"https:\/\/www.psib-psoe.org\/mallorca\/category\/municipis\/\" rel=\"category tag\">Municipis<\/a>, <a href=\"https:\/\/www.psib-psoe.org\/mallorca\/category\/portada\/\" rel=\"category tag\">Portada<\/a><\/aside>\n\t\t\t\t<h3 itemprop=\"headline\"><a href=\"https:\/\/www.psib-psoe.org\/mallorca\/ppvox-al-consell-vota-en-contra-de-rebutjar-els-discursos-dodi-racisme-xenofobia-i-intolerancia-a-les-institucions\/\" title=\"PPVOX al Consell vota en contra de rebutjar els discursos d&#8217;odi, racisme, xenof\u00f2bia i intoler\u00e0ncia a les institucions.\">PPVOX al Consell vota en contra de rebutjar els discursos d&#8217;odi, racisme, xenof\u00f2bia i intoler\u00e0ncia a les institucions.<\/a><\/h3>\n\t\t\t<\/header>\n\t\t<\/div>\n\t\t<div class=\"post-content\">\n\t\t\t<a href=\"https:\/\/www.psib-psoe.org\/mallorca\/ppvox-al-consell-vota-en-contra-de-rebutjar-els-discursos-dodi-racisme-xenofobia-i-intolerancia-a-les-institucions\/\" class=\"more-link\">Read More<\/a>\n\t\t<\/div>\n\t\t\t<aside class=\"post-bottom-meta hide\">\n\t\t<strong rel=\"author\" itemprop=\"author\" class=\"author vcard\"><span class=\"fn\">Albert<\/span><\/strong>\n\t\t<time class=\"date published time\" datetime=\"2024-05-09T17:12:53+02:00\" itemprop=\"datePublished\" content=\"2024-05-09T17:12:53+02:00\">09\/05\/2024<\/time>\n\t\t<meta itemprop=\"dateModified\" class=\"date updated\" content=\"2024-10-14T11:40:32+02:00\">\n\t\t<span class=\"hide\" itemprop=\"publisher\" itemscope itemtype=\"https:\/\/schema.org\/Organization\">\n\t\t\t<meta itemprop=\"name\" content=\"SocialistesdMca\">\n\t\t\t<span itemprop=\"logo\" itemscope itemtype=\"https:\/\/schema.org\/ImageObject\">\n\t\t\t\t<meta itemprop=\"url\" content=\"https:\/\/www.psib-psoe.org\/mallorca\/wp-content\/themes\/notio-wp\/assets\/img\/logo.png\">\n\t\t\t<\/span>\n\t\t\t<meta itemprop=\"url\" content=\"https:\/\/www.psib-psoe.org\/mallorca\/\">\n\t\t<\/span>\n\t\t\t\t<span class=\"hide\" itemprop=\"image\" itemscope itemtype=\"http:\/\/schema.org\/ImageObject\">\n\t\t\t<meta itemprop=\"url\" content=\"https:\/\/www.psib-psoe.org\/mallorca\/wp-content\/uploads\/Ple-maig.jpeg\">\n\t\t\t<meta itemprop=\"width\" content=\"2048\">\n\t\t\t<meta itemprop=\"height\" content=\"1536\">\n\t\t<\/span>\n\t\t\t\t<meta itemscope itemprop=\"mainEntityOfPage\" itemtype=\"https:\/\/schema.org\/WebPage\" itemid=\"https:\/\/www.psib-psoe.org\/mallorca\/ppvox-al-consell-vota-en-contra-de-rebutjar-els-discursos-dodi-racisme-xenofobia-i-intolerancia-a-les-institucions\/\">\n\t<\/aside>\n\t\t<\/article>\n<\/div>\n<div class=\"small-12 large-4 columns\">\n\t<article itemscope itemtype=\"http:\/\/schema.org\/Article\" class=\"post blog-style7 alt post-28594 type-post status-publish format-standard has-post-thumbnail hentry category-consell-de-mallorca category-federacio-de-mallorca category-federacio-de-mallorca-portada category-municipis category-portada tag-agrupacio-socialista-de-manacor tag-catalina-cladera tag-federacio-socialista-de-mallorca tag-javier-de-juan tag-maria-antonia-truyols tag-psib-psoe\" role=\"article\">\n\t\t<figure class=\"post-gallery\"><img loading=\"lazy\" decoding=\"async\" width=\"600\" height=\"400\" src=\"https:\/\/www.psib-psoe.org\/mallorca\/wp-content\/uploads\/Ple-maig-neules-600x400.jpeg\" class=\"attachment-notio-general-x2 size-notio-general-x2 wp-post-image\" alt=\"\" srcset=\"https:\/\/www.psib-psoe.org\/mallorca\/wp-content\/uploads\/Ple-maig-neules-600x400.jpeg 600w, https:\/\/www.psib-psoe.org\/mallorca\/wp-content\/uploads\/Ple-maig-neules-300x200.jpeg 300w, https:\/\/www.psib-psoe.org\/mallorca\/wp-content\/uploads\/Ple-maig-neules-900x600.jpeg 900w, https:\/\/www.psib-psoe.org\/mallorca\/wp-content\/uploads\/Ple-maig-neules-20x13.jpeg 20w\" sizes=\"(max-width: 600px) 100vw, 600px\" \/><\/figure>\n\t\t<div class=\"blog-top\">\n\t\t\t<header class=\"post-title entry-header\">\n\t\t\t\t<aside class=\"post-meta cf\">\n\t\t09\/05\/2024 \/ <a href=\"https:\/\/www.psib-psoe.org\/mallorca\/category\/consell-de-mallorca\/\" rel=\"category tag\">Consell de Mallorca<\/a>, <a href=\"https:\/\/www.psib-psoe.org\/mallorca\/category\/federacio-de-mallorca\/\" rel=\"category tag\">Federaci\u00f3 de Mallorca<\/a>, <a href=\"https:\/\/www.psib-psoe.org\/mallorca\/category\/federacio-de-mallorca-portada\/\" rel=\"category tag\">Federaci\u00f3 de Mallorca - Portada<\/a>, <a href=\"https:\/\/www.psib-psoe.org\/mallorca\/category\/municipis\/\" rel=\"category tag\">Municipis<\/a>, <a href=\"https:\/\/www.psib-psoe.org\/mallorca\/category\/portada\/\" rel=\"category tag\">Portada<\/a><\/aside>\n\t\t\t\t<h3 itemprop=\"headline\"><a href=\"https:\/\/www.psib-psoe.org\/mallorca\/els-socialistes-de-mallorca-aconsegueixen-que-el-ple-del-consell-declari-les-neules-calades-com-a-be-dinteres-cultural\/\" title=\"Els Socialistes de Mallorca aconsegueixen que el ple del Consell declari les neules calades com a B\u00e9 d&#8217;Inter\u00e8s Cultural.\">Els Socialistes de Mallorca aconsegueixen que el ple del Consell declari les neules calades com a B\u00e9 d&#8217;Inter\u00e8s Cultural.<\/a><\/h3>\n\t\t\t<\/header>\n\t\t<\/div>\n\t\t<div class=\"post-content\">\n\t\t\t<a href=\"https:\/\/www.psib-psoe.org\/mallorca\/els-socialistes-de-mallorca-aconsegueixen-que-el-ple-del-consell-declari-les-neules-calades-com-a-be-dinteres-cultural\/\" class=\"more-link\">Read More<\/a>\n\t\t<\/div>\n\t\t\t<aside class=\"post-bottom-meta hide\">\n\t\t<strong rel=\"author\" itemprop=\"author\" class=\"author vcard\"><span class=\"fn\">Albert<\/span><\/strong>\n\t\t<time class=\"date published time\" datetime=\"2024-05-09T15:57:10+02:00\" itemprop=\"datePublished\" content=\"2024-05-09T15:57:10+02:00\">09\/05\/2024<\/time>\n\t\t<meta itemprop=\"dateModified\" class=\"date updated\" content=\"2024-10-14T11:40:32+02:00\">\n\t\t<span class=\"hide\" itemprop=\"publisher\" itemscope itemtype=\"https:\/\/schema.org\/Organization\">\n\t\t\t<meta itemprop=\"name\" content=\"SocialistesdMca\">\n\t\t\t<span itemprop=\"logo\" itemscope itemtype=\"https:\/\/schema.org\/ImageObject\">\n\t\t\t\t<meta itemprop=\"url\" content=\"https:\/\/www.psib-psoe.org\/mallorca\/wp-content\/themes\/notio-wp\/assets\/img\/logo.png\">\n\t\t\t<\/span>\n\t\t\t<meta itemprop=\"url\" content=\"https:\/\/www.psib-psoe.org\/mallorca\/\">\n\t\t<\/span>\n\t\t\t\t<span class=\"hide\" itemprop=\"image\" itemscope itemtype=\"http:\/\/schema.org\/ImageObject\">\n\t\t\t<meta itemprop=\"url\" content=\"https:\/\/www.psib-psoe.org\/mallorca\/wp-content\/uploads\/Ple-maig-neules.jpeg\">\n\t\t\t<meta itemprop=\"width\" content=\"1536\">\n\t\t\t<meta itemprop=\"height\" content=\"1269\">\n\t\t<\/span>\n\t\t\t\t<meta itemscope itemprop=\"mainEntityOfPage\" itemtype=\"https:\/\/schema.org\/WebPage\" itemid=\"https:\/\/www.psib-psoe.org\/mallorca\/els-socialistes-de-mallorca-aconsegueixen-que-el-ple-del-consell-declari-les-neules-calades-com-a-be-dinteres-cultural\/\">\n\t<\/aside>\n\t\t<\/article>\n<\/div>\n<div class=\"small-12 large-4 columns\">\n\t<article itemscope itemtype=\"http:\/\/schema.org\/Article\" class=\"post blog-style7 alt post-28591 type-post status-publish format-standard has-post-thumbnail hentry category-consell-de-mallorca category-federacio-de-mallorca category-federacio-de-mallorca-portada category-municipis category-portada tag-bea-gamundi tag-catalina-cladera tag-federacio-socialista-de-mallorca tag-psib-psoe\" role=\"article\">\n\t\t<figure class=\"post-gallery\"><img loading=\"lazy\" decoding=\"async\" width=\"600\" height=\"400\" src=\"https:\/\/www.psib-psoe.org\/mallorca\/wp-content\/uploads\/Tots-600x400.jpeg\" class=\"attachment-notio-general-x2 size-notio-general-x2 wp-post-image\" alt=\"\" srcset=\"https:\/\/www.psib-psoe.org\/mallorca\/wp-content\/uploads\/Tots-600x400.jpeg 600w, https:\/\/www.psib-psoe.org\/mallorca\/wp-content\/uploads\/Tots-300x200.jpeg 300w, https:\/\/www.psib-psoe.org\/mallorca\/wp-content\/uploads\/Tots-900x600.jpeg 900w, https:\/\/www.psib-psoe.org\/mallorca\/wp-content\/uploads\/Tots-20x13.jpeg 20w\" sizes=\"(max-width: 600px) 100vw, 600px\" \/><\/figure>\n\t\t<div class=\"blog-top\">\n\t\t\t<header class=\"post-title entry-header\">\n\t\t\t\t<aside class=\"post-meta cf\">\n\t\t08\/05\/2024 \/ <a href=\"https:\/\/www.psib-psoe.org\/mallorca\/category\/consell-de-mallorca\/\" rel=\"category tag\">Consell de Mallorca<\/a>, <a href=\"https:\/\/www.psib-psoe.org\/mallorca\/category\/federacio-de-mallorca\/\" rel=\"category tag\">Federaci\u00f3 de Mallorca<\/a>, <a href=\"https:\/\/www.psib-psoe.org\/mallorca\/category\/federacio-de-mallorca-portada\/\" rel=\"category tag\">Federaci\u00f3 de Mallorca - Portada<\/a>, <a href=\"https:\/\/www.psib-psoe.org\/mallorca\/category\/municipis\/\" rel=\"category tag\">Municipis<\/a>, <a href=\"https:\/\/www.psib-psoe.org\/mallorca\/category\/portada\/\" rel=\"category tag\">Portada<\/a><\/aside>\n\t\t\t\t<h3 itemprop=\"headline\"><a href=\"https:\/\/www.psib-psoe.org\/mallorca\/els-socialistes-de-mallorca-presenten-iniciatives-de-suport-a-la-llengua-catalana-als-ajuntaments-de-lilla\/\" title=\"Els Socialistes de Mallorca presenten iniciatives de suport a la llengua catalana als ajuntaments de l&#8217;illa.\">Els Socialistes de Mallorca presenten iniciatives de suport a la llengua catalana als ajuntaments de l&#8217;illa.<\/a><\/h3>\n\t\t\t<\/header>\n\t\t<\/div>\n\t\t<div class=\"post-content\">\n\t\t\t<a href=\"https:\/\/www.psib-psoe.org\/mallorca\/els-socialistes-de-mallorca-presenten-iniciatives-de-suport-a-la-llengua-catalana-als-ajuntaments-de-lilla\/\" class=\"more-link\">Read More<\/a>\n\t\t<\/div>\n\t\t\t<aside class=\"post-bottom-meta hide\">\n\t\t<strong rel=\"author\" itemprop=\"author\" class=\"author vcard\"><span class=\"fn\">Albert<\/span><\/strong>\n\t\t<time class=\"date published time\" datetime=\"2024-05-08T13:25:03+02:00\" itemprop=\"datePublished\" content=\"2024-05-08T13:25:03+02:00\">08\/05\/2024<\/time>\n\t\t<meta itemprop=\"dateModified\" class=\"date updated\" content=\"2024-10-14T11:40:32+02:00\">\n\t\t<span class=\"hide\" itemprop=\"publisher\" itemscope itemtype=\"https:\/\/schema.org\/Organization\">\n\t\t\t<meta itemprop=\"name\" content=\"SocialistesdMca\">\n\t\t\t<span itemprop=\"logo\" itemscope itemtype=\"https:\/\/schema.org\/ImageObject\">\n\t\t\t\t<meta itemprop=\"url\" content=\"https:\/\/www.psib-psoe.org\/mallorca\/wp-content\/themes\/notio-wp\/assets\/img\/logo.png\">\n\t\t\t<\/span>\n\t\t\t<meta itemprop=\"url\" content=\"https:\/\/www.psib-psoe.org\/mallorca\/\">\n\t\t<\/span>\n\t\t\t\t<span class=\"hide\" itemprop=\"image\" itemscope itemtype=\"http:\/\/schema.org\/ImageObject\">\n\t\t\t<meta itemprop=\"url\" content=\"https:\/\/www.psib-psoe.org\/mallorca\/wp-content\/uploads\/Tots.jpeg\">\n\t\t\t<meta itemprop=\"width\" content=\"2048\">\n\t\t\t<meta itemprop=\"height\" content=\"1536\">\n\t\t<\/span>\n\t\t\t\t<meta itemscope itemprop=\"mainEntityOfPage\" itemtype=\"https:\/\/schema.org\/WebPage\" itemid=\"https:\/\/www.psib-psoe.org\/mallorca\/els-socialistes-de-mallorca-presenten-iniciatives-de-suport-a-la-llengua-catalana-als-ajuntaments-de-lilla\/\">\n\t<\/aside>\n\t\t<\/article>\n<\/div>\n<div class=\"small-12 large-4 columns\">\n\t<article itemscope itemtype=\"http:\/\/schema.org\/Article\" class=\"post blog-style7 alt post-28588 type-post status-publish format-standard has-post-thumbnail hentry category-consell-de-mallorca category-federacio-de-mallorca category-federacio-de-mallorca-portada category-municipis category-portada tag-catalina-cladera tag-dgt tag-federacio-socialista-de-mallorca tag-javier-de-juan tag-joan-ferrer tag-psib-psoe\" role=\"article\">\n\t\t<figure class=\"post-gallery\"><img loading=\"lazy\" decoding=\"async\" width=\"600\" height=\"400\" src=\"https:\/\/www.psib-psoe.org\/mallorca\/wp-content\/uploads\/Cladera-decles-600x400.jpeg\" class=\"attachment-notio-general-x2 size-notio-general-x2 wp-post-image\" alt=\"\" srcset=\"https:\/\/www.psib-psoe.org\/mallorca\/wp-content\/uploads\/Cladera-decles-600x400.jpeg 600w, https:\/\/www.psib-psoe.org\/mallorca\/wp-content\/uploads\/Cladera-decles-300x200.jpeg 300w, https:\/\/www.psib-psoe.org\/mallorca\/wp-content\/uploads\/Cladera-decles-20x13.jpeg 20w\" sizes=\"(max-width: 600px) 100vw, 600px\" \/><\/figure>\n\t\t<div class=\"blog-top\">\n\t\t\t<header class=\"post-title entry-header\">\n\t\t\t\t<aside class=\"post-meta cf\">\n\t\t07\/05\/2024 \/ <a href=\"https:\/\/www.psib-psoe.org\/mallorca\/category\/consell-de-mallorca\/\" rel=\"category tag\">Consell de Mallorca<\/a>, <a href=\"https:\/\/www.psib-psoe.org\/mallorca\/category\/federacio-de-mallorca\/\" rel=\"category tag\">Federaci\u00f3 de Mallorca<\/a>, <a href=\"https:\/\/www.psib-psoe.org\/mallorca\/category\/federacio-de-mallorca-portada\/\" rel=\"category tag\">Federaci\u00f3 de Mallorca - Portada<\/a>, <a href=\"https:\/\/www.psib-psoe.org\/mallorca\/category\/municipis\/\" rel=\"category tag\">Municipis<\/a>, <a href=\"https:\/\/www.psib-psoe.org\/mallorca\/category\/portada\/\" rel=\"category tag\">Portada<\/a><\/aside>\n\t\t\t\t<h3 itemprop=\"headline\"><a href=\"https:\/\/www.psib-psoe.org\/mallorca\/cladera-estenem-la-ma-per-a-que-galmes-negocii-la-millora-del-bus-vao-i-la-mobilitat-de-mallorca-en-general\/\" title=\"Cladera: &#8220;estenem la ma per a qu\u00e8 Galm\u00e9s negoci\u00ef la millora del Bus VAO i la mobilitat de Mallorca en general&#8221;.\">Cladera: &#8220;estenem la ma per a qu\u00e8 Galm\u00e9s negoci\u00ef la millora del Bus VAO i la mobilitat de Mallorca en general&#8221;.<\/a><\/h3>\n\t\t\t<\/header>\n\t\t<\/div>\n\t\t<div class=\"post-content\">\n\t\t\t<a href=\"https:\/\/www.psib-psoe.org\/mallorca\/cladera-estenem-la-ma-per-a-que-galmes-negocii-la-millora-del-bus-vao-i-la-mobilitat-de-mallorca-en-general\/\" class=\"more-link\">Read More<\/a>\n\t\t<\/div>\n\t\t\t<aside class=\"post-bottom-meta hide\">\n\t\t<strong rel=\"author\" itemprop=\"author\" class=\"author vcard\"><span class=\"fn\">Albert<\/span><\/strong>\n\t\t<time class=\"date published time\" datetime=\"2024-05-07T16:26:52+02:00\" itemprop=\"datePublished\" content=\"2024-05-07T16:26:52+02:00\">07\/05\/2024<\/time>\n\t\t<meta itemprop=\"dateModified\" class=\"date updated\" content=\"2024-10-14T11:40:32+02:00\">\n\t\t<span class=\"hide\" itemprop=\"publisher\" itemscope itemtype=\"https:\/\/schema.org\/Organization\">\n\t\t\t<meta itemprop=\"name\" content=\"SocialistesdMca\">\n\t\t\t<span itemprop=\"logo\" itemscope itemtype=\"https:\/\/schema.org\/ImageObject\">\n\t\t\t\t<meta itemprop=\"url\" content=\"https:\/\/www.psib-psoe.org\/mallorca\/wp-content\/themes\/notio-wp\/assets\/img\/logo.png\">\n\t\t\t<\/span>\n\t\t\t<meta itemprop=\"url\" content=\"https:\/\/www.psib-psoe.org\/mallorca\/\">\n\t\t<\/span>\n\t\t\t\t<span class=\"hide\" itemprop=\"image\" itemscope itemtype=\"http:\/\/schema.org\/ImageObject\">\n\t\t\t<meta itemprop=\"url\" content=\"https:\/\/www.psib-psoe.org\/mallorca\/wp-content\/uploads\/Cladera-decles.jpeg\">\n\t\t\t<meta itemprop=\"width\" content=\"828\">\n\t\t\t<meta itemprop=\"height\" content=\"1423\">\n\t\t<\/span>\n\t\t\t\t<meta itemscope itemprop=\"mainEntityOfPage\" itemtype=\"https:\/\/schema.org\/WebPage\" itemid=\"https:\/\/www.psib-psoe.org\/mallorca\/cladera-estenem-la-ma-per-a-que-galmes-negocii-la-millora-del-bus-vao-i-la-mobilitat-de-mallorca-en-general\/\">\n\t<\/aside>\n\t\t<\/article>\n<\/div>\n<div class=\"small-12 large-4 columns\">\n\t<article itemscope itemtype=\"http:\/\/schema.org\/Article\" class=\"post blog-style7 alt post-28585 type-post status-publish format-standard has-post-thumbnail hentry category-consell-de-mallorca category-federacio-de-mallorca category-federacio-de-mallorca-portada category-municipis category-portada tag-catalina-cladera tag-federacio-socialista-de-mallorca tag-javier-de-juan tag-psib-psoe\" role=\"article\">\n\t\t<figure class=\"post-gallery\"><img loading=\"lazy\" decoding=\"async\" width=\"600\" height=\"400\" src=\"https:\/\/www.psib-psoe.org\/mallorca\/wp-content\/uploads\/Foto-1-7-600x400.jpeg\" class=\"attachment-notio-general-x2 size-notio-general-x2 wp-post-image\" alt=\"\" srcset=\"https:\/\/www.psib-psoe.org\/mallorca\/wp-content\/uploads\/Foto-1-7-600x400.jpeg 600w, https:\/\/www.psib-psoe.org\/mallorca\/wp-content\/uploads\/Foto-1-7-300x200.jpeg 300w, https:\/\/www.psib-psoe.org\/mallorca\/wp-content\/uploads\/Foto-1-7-900x600.jpeg 900w, https:\/\/www.psib-psoe.org\/mallorca\/wp-content\/uploads\/Foto-1-7-20x13.jpeg 20w\" sizes=\"(max-width: 600px) 100vw, 600px\" \/><\/figure>\n\t\t<div class=\"blog-top\">\n\t\t\t<header class=\"post-title entry-header\">\n\t\t\t\t<aside class=\"post-meta cf\">\n\t\t06\/05\/2024 \/ <a href=\"https:\/\/www.psib-psoe.org\/mallorca\/category\/consell-de-mallorca\/\" rel=\"category tag\">Consell de Mallorca<\/a>, <a href=\"https:\/\/www.psib-psoe.org\/mallorca\/category\/federacio-de-mallorca\/\" rel=\"category tag\">Federaci\u00f3 de Mallorca<\/a>, <a href=\"https:\/\/www.psib-psoe.org\/mallorca\/category\/federacio-de-mallorca-portada\/\" rel=\"category tag\">Federaci\u00f3 de Mallorca - Portada<\/a>, <a href=\"https:\/\/www.psib-psoe.org\/mallorca\/category\/municipis\/\" rel=\"category tag\">Municipis<\/a>, <a href=\"https:\/\/www.psib-psoe.org\/mallorca\/category\/portada\/\" rel=\"category tag\">Portada<\/a><\/aside>\n\t\t\t\t<h3 itemprop=\"headline\"><a href=\"https:\/\/www.psib-psoe.org\/mallorca\/cladera-la-mobilitzacio-social-en-favor-del-catala-a-mallorca-es-una-mostra-de-la-necessitat-de-regenerar-la-nostra-democracia\/\" title=\"Cladera: &#8220;La mobilitzaci\u00f3 social en favor del catal\u00e0 a Mallorca \u00e9s una mostra de la necessitat de regenerar la nostra democr\u00e0cia&#8221;.\">Cladera: &#8220;La mobilitzaci\u00f3 social en favor del catal\u00e0 a Mallorca \u00e9s una mostra de la necessitat de regenerar la nostra democr\u00e0cia&#8221;.<\/a><\/h3>\n\t\t\t<\/header>\n\t\t<\/div>\n\t\t<div class=\"post-content\">\n\t\t\t<a href=\"https:\/\/www.psib-psoe.org\/mallorca\/cladera-la-mobilitzacio-social-en-favor-del-catala-a-mallorca-es-una-mostra-de-la-necessitat-de-regenerar-la-nostra-democracia\/\" class=\"more-link\">Read More<\/a>\n\t\t<\/div>\n\t\t\t<aside class=\"post-bottom-meta hide\">\n\t\t<strong rel=\"author\" itemprop=\"author\" class=\"author vcard\"><span class=\"fn\">Albert<\/span><\/strong>\n\t\t<time class=\"date published time\" datetime=\"2024-05-06T12:31:31+02:00\" itemprop=\"datePublished\" content=\"2024-05-06T12:31:31+02:00\">06\/05\/2024<\/time>\n\t\t<meta itemprop=\"dateModified\" class=\"date updated\" content=\"2024-10-14T11:40:32+02:00\">\n\t\t<span class=\"hide\" itemprop=\"publisher\" itemscope itemtype=\"https:\/\/schema.org\/Organization\">\n\t\t\t<meta itemprop=\"name\" content=\"SocialistesdMca\">\n\t\t\t<span itemprop=\"logo\" itemscope itemtype=\"https:\/\/schema.org\/ImageObject\">\n\t\t\t\t<meta itemprop=\"url\" content=\"https:\/\/www.psib-psoe.org\/mallorca\/wp-content\/themes\/notio-wp\/assets\/img\/logo.png\">\n\t\t\t<\/span>\n\t\t\t<meta itemprop=\"url\" content=\"https:\/\/www.psib-psoe.org\/mallorca\/\">\n\t\t<\/span>\n\t\t\t\t<span class=\"hide\" itemprop=\"image\" itemscope itemtype=\"http:\/\/schema.org\/ImageObject\">\n\t\t\t<meta itemprop=\"url\" content=\"https:\/\/www.psib-psoe.org\/mallorca\/wp-content\/uploads\/Foto-1-7.jpeg\">\n\t\t\t<meta itemprop=\"width\" content=\"2048\">\n\t\t\t<meta itemprop=\"height\" content=\"1536\">\n\t\t<\/span>\n\t\t\t\t<meta itemscope itemprop=\"mainEntityOfPage\" itemtype=\"https:\/\/schema.org\/WebPage\" itemid=\"https:\/\/www.psib-psoe.org\/mallorca\/cladera-la-mobilitzacio-social-en-favor-del-catala-a-mallorca-es-una-mostra-de-la-necessitat-de-regenerar-la-nostra-democracia\/\">\n\t<\/aside>\n\t\t<\/article>\n<\/div>\n<div class=\"small-12 large-4 columns\">\n\t<article itemscope itemtype=\"http:\/\/schema.org\/Article\" class=\"post blog-style7 alt post-28581 type-post status-publish format-standard has-post-thumbnail hentry category-consell-de-mallorca category-federacio-de-mallorca category-federacio-de-mallorca-portada category-municipis category-portada tag-agrupacio-socialsita-de-calvia tag-catalina-cladera tag-federacio-socialista-de-mallorca tag-joan-ferrer tag-nati-frances tag-psib-psoe\" role=\"article\">\n\t\t<figure class=\"post-gallery\"><img loading=\"lazy\" decoding=\"async\" width=\"600\" height=\"400\" src=\"https:\/\/www.psib-psoe.org\/mallorca\/wp-content\/uploads\/ITV-Calvi\u00e0-1-600x400.jpeg\" class=\"attachment-notio-general-x2 size-notio-general-x2 wp-post-image\" alt=\"\" srcset=\"https:\/\/www.psib-psoe.org\/mallorca\/wp-content\/uploads\/ITV-Calvi\u00e0-1-600x400.jpeg 600w, https:\/\/www.psib-psoe.org\/mallorca\/wp-content\/uploads\/ITV-Calvi\u00e0-1-300x200.jpeg 300w, https:\/\/www.psib-psoe.org\/mallorca\/wp-content\/uploads\/ITV-Calvi\u00e0-1-900x600.jpeg 900w, https:\/\/www.psib-psoe.org\/mallorca\/wp-content\/uploads\/ITV-Calvi\u00e0-1-20x13.jpeg 20w\" sizes=\"(max-width: 600px) 100vw, 600px\" \/><\/figure>\n\t\t<div class=\"blog-top\">\n\t\t\t<header class=\"post-title entry-header\">\n\t\t\t\t<aside class=\"post-meta cf\">\n\t\t04\/05\/2024 \/ <a href=\"https:\/\/www.psib-psoe.org\/mallorca\/category\/consell-de-mallorca\/\" rel=\"category tag\">Consell de Mallorca<\/a>, <a href=\"https:\/\/www.psib-psoe.org\/mallorca\/category\/federacio-de-mallorca\/\" rel=\"category tag\">Federaci\u00f3 de Mallorca<\/a>, <a href=\"https:\/\/www.psib-psoe.org\/mallorca\/category\/federacio-de-mallorca-portada\/\" rel=\"category tag\">Federaci\u00f3 de Mallorca - Portada<\/a>, <a href=\"https:\/\/www.psib-psoe.org\/mallorca\/category\/municipis\/\" rel=\"category tag\">Municipis<\/a>, <a href=\"https:\/\/www.psib-psoe.org\/mallorca\/category\/portada\/\" rel=\"category tag\">Portada<\/a><\/aside>\n\t\t\t\t<h3 itemprop=\"headline\"><a href=\"https:\/\/www.psib-psoe.org\/mallorca\/galmes-converteix-la-itv-de-mallorca-en-un-problema-per-als-propietaris-de-vehicles-per-la-incapacitat-de-gestio-del-servei\/\" title=\"Galm\u00e9s converteix la ITV de Mallorca en un problema per als propietaris de vehicles, per la incapacitat de gesti\u00f3 del servei.\">Galm\u00e9s converteix la ITV de Mallorca en un problema per als propietaris de vehicles, per la incapacitat de gesti\u00f3 del servei.<\/a><\/h3>\n\t\t\t<\/header>\n\t\t<\/div>\n\t\t<div class=\"post-content\">\n\t\t\t<a href=\"https:\/\/www.psib-psoe.org\/mallorca\/galmes-converteix-la-itv-de-mallorca-en-un-problema-per-als-propietaris-de-vehicles-per-la-incapacitat-de-gestio-del-servei\/\" class=\"more-link\">Read More<\/a>\n\t\t<\/div>\n\t\t\t<aside class=\"post-bottom-meta hide\">\n\t\t<strong rel=\"author\" itemprop=\"author\" class=\"author vcard\"><span class=\"fn\">Albert<\/span><\/strong>\n\t\t<time class=\"date published time\" datetime=\"2024-05-04T10:11:55+02:00\" itemprop=\"datePublished\" content=\"2024-05-04T10:11:55+02:00\">04\/05\/2024<\/time>\n\t\t<meta itemprop=\"dateModified\" class=\"date updated\" content=\"2024-10-14T11:40:32+02:00\">\n\t\t<span class=\"hide\" itemprop=\"publisher\" itemscope itemtype=\"https:\/\/schema.org\/Organization\">\n\t\t\t<meta itemprop=\"name\" content=\"SocialistesdMca\">\n\t\t\t<span itemprop=\"logo\" itemscope itemtype=\"https:\/\/schema.org\/ImageObject\">\n\t\t\t\t<meta itemprop=\"url\" content=\"https:\/\/www.psib-psoe.org\/mallorca\/wp-content\/themes\/notio-wp\/assets\/img\/logo.png\">\n\t\t\t<\/span>\n\t\t\t<meta itemprop=\"url\" content=\"https:\/\/www.psib-psoe.org\/mallorca\/\">\n\t\t<\/span>\n\t\t\t\t<span class=\"hide\" itemprop=\"image\" itemscope itemtype=\"http:\/\/schema.org\/ImageObject\">\n\t\t\t<meta itemprop=\"url\" content=\"https:\/\/www.psib-psoe.org\/mallorca\/wp-content\/uploads\/ITV-Calvi\u00e0-1.jpeg\">\n\t\t\t<meta itemprop=\"width\" content=\"2048\">\n\t\t\t<meta itemprop=\"height\" content=\"1536\">\n\t\t<\/span>\n\t\t\t\t<meta itemscope itemprop=\"mainEntityOfPage\" itemtype=\"https:\/\/schema.org\/WebPage\" itemid=\"https:\/\/www.psib-psoe.org\/mallorca\/galmes-converteix-la-itv-de-mallorca-en-un-problema-per-als-propietaris-de-vehicles-per-la-incapacitat-de-gestio-del-servei\/\">\n\t<\/aside>\n\t\t<\/article>\n<\/div>\n<div class=\"small-12 large-4 columns\">\n\t<article itemscope itemtype=\"http:\/\/schema.org\/Article\" class=\"post blog-style7 alt post-28578 type-post status-publish format-standard has-post-thumbnail hentry category-consell-de-mallorca category-federacio-de-mallorca category-federacio-de-mallorca-portada category-municipis category-portada tag-agrupacio-socialista-dalcudia tag-andreu-serra tag-barbara-rebassa tag-catalina-cladera tag-federacio-socialista-de-mallorca tag-joan-gaspar-vallori tag-psib-psoe\" role=\"article\">\n\t\t<figure class=\"post-gallery\"><img loading=\"lazy\" decoding=\"async\" width=\"600\" height=\"400\" src=\"https:\/\/www.psib-psoe.org\/mallorca\/wp-content\/uploads\/Alc\u00fadia-grup-municipal-2024-600x400.jpeg\" class=\"attachment-notio-general-x2 size-notio-general-x2 wp-post-image\" alt=\"\" srcset=\"https:\/\/www.psib-psoe.org\/mallorca\/wp-content\/uploads\/Alc\u00fadia-grup-municipal-2024-600x400.jpeg 600w, https:\/\/www.psib-psoe.org\/mallorca\/wp-content\/uploads\/Alc\u00fadia-grup-municipal-2024-300x200.jpeg 300w, https:\/\/www.psib-psoe.org\/mallorca\/wp-content\/uploads\/Alc\u00fadia-grup-municipal-2024-900x600.jpeg 900w, https:\/\/www.psib-psoe.org\/mallorca\/wp-content\/uploads\/Alc\u00fadia-grup-municipal-2024-20x13.jpeg 20w\" sizes=\"(max-width: 600px) 100vw, 600px\" \/><\/figure>\n\t\t<div class=\"blog-top\">\n\t\t\t<header class=\"post-title entry-header\">\n\t\t\t\t<aside class=\"post-meta cf\">\n\t\t03\/05\/2024 \/ <a href=\"https:\/\/www.psib-psoe.org\/mallorca\/category\/consell-de-mallorca\/\" rel=\"category tag\">Consell de Mallorca<\/a>, <a href=\"https:\/\/www.psib-psoe.org\/mallorca\/category\/federacio-de-mallorca\/\" rel=\"category tag\">Federaci\u00f3 de Mallorca<\/a>, <a href=\"https:\/\/www.psib-psoe.org\/mallorca\/category\/federacio-de-mallorca-portada\/\" rel=\"category tag\">Federaci\u00f3 de Mallorca - Portada<\/a>, <a href=\"https:\/\/www.psib-psoe.org\/mallorca\/category\/municipis\/\" rel=\"category tag\">Municipis<\/a>, <a href=\"https:\/\/www.psib-psoe.org\/mallorca\/category\/portada\/\" rel=\"category tag\">Portada<\/a><\/aside>\n\t\t\t\t<h3 itemprop=\"headline\"><a href=\"https:\/\/www.psib-psoe.org\/mallorca\/el-consell-de-mallorca-deixa-perdre-un-milio-deuros-dels-fons-europeus-pel-projecte-del-canal-de-regates-a-alcudia\/\" title=\"El Consell de Mallorca deixa perdre un mili\u00f3 d&#8217;euros dels fons europeus pel projecte del canal de regates a Alc\u00fadia.\">El Consell de Mallorca deixa perdre un mili\u00f3 d&#8217;euros dels fons europeus pel projecte del canal de regates a Alc\u00fadia.<\/a><\/h3>\n\t\t\t<\/header>\n\t\t<\/div>\n\t\t<div class=\"post-content\">\n\t\t\t<a href=\"https:\/\/www.psib-psoe.org\/mallorca\/el-consell-de-mallorca-deixa-perdre-un-milio-deuros-dels-fons-europeus-pel-projecte-del-canal-de-regates-a-alcudia\/\" class=\"more-link\">Read More<\/a>\n\t\t<\/div>\n\t\t\t<aside class=\"post-bottom-meta hide\">\n\t\t<strong rel=\"author\" itemprop=\"author\" class=\"author vcard\"><span class=\"fn\">Albert<\/span><\/strong>\n\t\t<time class=\"date published time\" datetime=\"2024-05-03T12:53:50+02:00\" itemprop=\"datePublished\" content=\"2024-05-03T12:53:50+02:00\">03\/05\/2024<\/time>\n\t\t<meta itemprop=\"dateModified\" class=\"date updated\" content=\"2024-10-14T11:40:32+02:00\">\n\t\t<span class=\"hide\" itemprop=\"publisher\" itemscope itemtype=\"https:\/\/schema.org\/Organization\">\n\t\t\t<meta itemprop=\"name\" content=\"SocialistesdMca\">\n\t\t\t<span itemprop=\"logo\" itemscope itemtype=\"https:\/\/schema.org\/ImageObject\">\n\t\t\t\t<meta itemprop=\"url\" content=\"https:\/\/www.psib-psoe.org\/mallorca\/wp-content\/themes\/notio-wp\/assets\/img\/logo.png\">\n\t\t\t<\/span>\n\t\t\t<meta itemprop=\"url\" content=\"https:\/\/www.psib-psoe.org\/mallorca\/\">\n\t\t<\/span>\n\t\t\t\t<span class=\"hide\" itemprop=\"image\" itemscope itemtype=\"http:\/\/schema.org\/ImageObject\">\n\t\t\t<meta itemprop=\"url\" content=\"https:\/\/www.psib-psoe.org\/mallorca\/wp-content\/uploads\/Alc\u00fadia-grup-municipal-2024.jpeg\">\n\t\t\t<meta itemprop=\"width\" content=\"2048\">\n\t\t\t<meta itemprop=\"height\" content=\"1536\">\n\t\t<\/span>\n\t\t\t\t<meta itemscope itemprop=\"mainEntityOfPage\" itemtype=\"https:\/\/schema.org\/WebPage\" itemid=\"https:\/\/www.psib-psoe.org\/mallorca\/el-consell-de-mallorca-deixa-perdre-un-milio-deuros-dels-fons-europeus-pel-projecte-del-canal-de-regates-a-alcudia\/\">\n\t<\/aside>\n\t\t<\/article>\n<\/div>\n<div class=\"small-12 large-4 columns\">\n\t<article itemscope itemtype=\"http:\/\/schema.org\/Article\" class=\"post blog-style7 alt post-28575 type-post status-publish format-standard has-post-thumbnail hentry category-consell-de-mallorca category-federacio-de-mallorca category-federacio-de-mallorca-portada category-municipis category-portada tag-catalina-cladera tag-consell-de-mallorca tag-federacio-socialista-de-mallorca tag-javier-de-juan tag-joan-ferrer tag-psib-psoe\" role=\"article\">\n\t\t<figure class=\"post-gallery\"><img loading=\"lazy\" decoding=\"async\" width=\"600\" height=\"400\" src=\"https:\/\/www.psib-psoe.org\/mallorca\/wp-content\/uploads\/Cladera-Blanquerna-1-600x400.jpeg\" class=\"attachment-notio-general-x2 size-notio-general-x2 wp-post-image\" alt=\"\" srcset=\"https:\/\/www.psib-psoe.org\/mallorca\/wp-content\/uploads\/Cladera-Blanquerna-1-600x400.jpeg 600w, https:\/\/www.psib-psoe.org\/mallorca\/wp-content\/uploads\/Cladera-Blanquerna-1-300x200.jpeg 300w, https:\/\/www.psib-psoe.org\/mallorca\/wp-content\/uploads\/Cladera-Blanquerna-1-900x600.jpeg 900w, https:\/\/www.psib-psoe.org\/mallorca\/wp-content\/uploads\/Cladera-Blanquerna-1-20x13.jpeg 20w\" sizes=\"(max-width: 600px) 100vw, 600px\" \/><\/figure>\n\t\t<div class=\"blog-top\">\n\t\t\t<header class=\"post-title entry-header\">\n\t\t\t\t<aside class=\"post-meta cf\">\n\t\t03\/05\/2024 \/ <a href=\"https:\/\/www.psib-psoe.org\/mallorca\/category\/consell-de-mallorca\/\" rel=\"category tag\">Consell de Mallorca<\/a>, <a href=\"https:\/\/www.psib-psoe.org\/mallorca\/category\/federacio-de-mallorca\/\" rel=\"category tag\">Federaci\u00f3 de Mallorca<\/a>, <a href=\"https:\/\/www.psib-psoe.org\/mallorca\/category\/federacio-de-mallorca-portada\/\" rel=\"category tag\">Federaci\u00f3 de Mallorca - Portada<\/a>, <a href=\"https:\/\/www.psib-psoe.org\/mallorca\/category\/municipis\/\" rel=\"category tag\">Municipis<\/a>, <a href=\"https:\/\/www.psib-psoe.org\/mallorca\/category\/portada\/\" rel=\"category tag\">Portada<\/a><\/aside>\n\t\t\t\t<h3 itemprop=\"headline\"><a href=\"https:\/\/www.psib-psoe.org\/mallorca\/el-caos-a-la-gestio-sapodera-del-departament-de-turisme-del-consell-a-linici-de-la-temporada-alta-davant-la-passivitat-de-galmes-i-rodriguez\/\" title=\"El caos a la gesti\u00f3 s&#8217;apodera del departament de Turisme del Consell a l&#8217;inici de la temporada alta, davant la passivitat de Galm\u00e9s i Rodr\u00edguez.\">El caos a la gesti\u00f3 s&#8217;apodera del departament de Turisme del Consell a l&#8217;inici de la temporada alta, davant la passivitat de Galm\u00e9s i Rodr\u00edguez.<\/a><\/h3>\n\t\t\t<\/header>\n\t\t<\/div>\n\t\t<div class=\"post-content\">\n\t\t\t<a href=\"https:\/\/www.psib-psoe.org\/mallorca\/el-caos-a-la-gestio-sapodera-del-departament-de-turisme-del-consell-a-linici-de-la-temporada-alta-davant-la-passivitat-de-galmes-i-rodriguez\/\" class=\"more-link\">Read More<\/a>\n\t\t<\/div>\n\t\t\t<aside class=\"post-bottom-meta hide\">\n\t\t<strong rel=\"author\" itemprop=\"author\" class=\"author vcard\"><span class=\"fn\">Albert<\/span><\/strong>\n\t\t<time class=\"date published time\" datetime=\"2024-05-03T12:11:45+02:00\" itemprop=\"datePublished\" content=\"2024-05-03T12:11:45+02:00\">03\/05\/2024<\/time>\n\t\t<meta itemprop=\"dateModified\" class=\"date updated\" content=\"2024-10-14T11:40:33+02:00\">\n\t\t<span class=\"hide\" itemprop=\"publisher\" itemscope itemtype=\"https:\/\/schema.org\/Organization\">\n\t\t\t<meta itemprop=\"name\" content=\"SocialistesdMca\">\n\t\t\t<span itemprop=\"logo\" itemscope itemtype=\"https:\/\/schema.org\/ImageObject\">\n\t\t\t\t<meta itemprop=\"url\" content=\"https:\/\/www.psib-psoe.org\/mallorca\/wp-content\/themes\/notio-wp\/assets\/img\/logo.png\">\n\t\t\t<\/span>\n\t\t\t<meta itemprop=\"url\" content=\"https:\/\/www.psib-psoe.org\/mallorca\/\">\n\t\t<\/span>\n\t\t\t\t<span class=\"hide\" itemprop=\"image\" itemscope itemtype=\"http:\/\/schema.org\/ImageObject\">\n\t\t\t<meta itemprop=\"url\" content=\"https:\/\/www.psib-psoe.org\/mallorca\/wp-content\/uploads\/Cladera-Blanquerna-1.jpeg\">\n\t\t\t<meta itemprop=\"width\" content=\"1200\">\n\t\t\t<meta itemprop=\"height\" content=\"1600\">\n\t\t<\/span>\n\t\t\t\t<meta itemscope itemprop=\"mainEntityOfPage\" itemtype=\"https:\/\/schema.org\/WebPage\" itemid=\"https:\/\/www.psib-psoe.org\/mallorca\/el-caos-a-la-gestio-sapodera-del-departament-de-turisme-del-consell-a-linici-de-la-temporada-alta-davant-la-passivitat-de-galmes-i-rodriguez\/\">\n\t<\/aside>\n\t\t<\/article>\n<\/div>\n<div class=\"small-12 large-4 columns\">\n\t<article itemscope itemtype=\"http:\/\/schema.org\/Article\" class=\"post blog-style7 alt post-28572 type-post status-publish format-standard has-post-thumbnail hentry category-consell-de-mallorca category-federacio-de-mallorca category-federacio-de-mallorca-portada category-municipis category-portada tag-catalina-cladera tag-consell-de-mallorca tag-federacio-socialista-de-mallorca tag-javier-de-juan tag-joan-ferrer tag-psib-psoe\" role=\"article\">\n\t\t<figure class=\"post-gallery\"><img loading=\"lazy\" decoding=\"async\" width=\"600\" height=\"400\" src=\"https:\/\/www.psib-psoe.org\/mallorca\/wp-content\/uploads\/Disseny-sense-ti\u0301tol-5-600x400.jpg\" class=\"attachment-notio-general-x2 size-notio-general-x2 wp-post-image\" alt=\"\" srcset=\"https:\/\/www.psib-psoe.org\/mallorca\/wp-content\/uploads\/Disseny-sense-ti\u0301tol-5-600x400.jpg 600w, https:\/\/www.psib-psoe.org\/mallorca\/wp-content\/uploads\/Disseny-sense-ti\u0301tol-5-300x200.jpg 300w, https:\/\/www.psib-psoe.org\/mallorca\/wp-content\/uploads\/Disseny-sense-ti\u0301tol-5-900x600.jpg 900w, https:\/\/www.psib-psoe.org\/mallorca\/wp-content\/uploads\/Disseny-sense-ti\u0301tol-5-20x13.jpg 20w\" sizes=\"(max-width: 600px) 100vw, 600px\" \/><\/figure>\n\t\t<div class=\"blog-top\">\n\t\t\t<header class=\"post-title entry-header\">\n\t\t\t\t<aside class=\"post-meta cf\">\n\t\t02\/05\/2024 \/ <a href=\"https:\/\/www.psib-psoe.org\/mallorca\/category\/consell-de-mallorca\/\" rel=\"category tag\">Consell de Mallorca<\/a>, <a href=\"https:\/\/www.psib-psoe.org\/mallorca\/category\/federacio-de-mallorca\/\" rel=\"category tag\">Federaci\u00f3 de Mallorca<\/a>, <a href=\"https:\/\/www.psib-psoe.org\/mallorca\/category\/federacio-de-mallorca-portada\/\" rel=\"category tag\">Federaci\u00f3 de Mallorca - Portada<\/a>, <a href=\"https:\/\/www.psib-psoe.org\/mallorca\/category\/municipis\/\" rel=\"category tag\">Municipis<\/a>, <a href=\"https:\/\/www.psib-psoe.org\/mallorca\/category\/portada\/\" rel=\"category tag\">Portada<\/a><\/aside>\n\t\t\t\t<h3 itemprop=\"headline\"><a href=\"https:\/\/www.psib-psoe.org\/mallorca\/el-consell-retalla-un-25-laportacio-a-joves-per-la-llengua\/\" title=\"El Consell retalla un 25% l&#8217;aportaci\u00f3 a Joves per la Llengua.\">El Consell retalla un 25% l&#8217;aportaci\u00f3 a Joves per la Llengua.<\/a><\/h3>\n\t\t\t<\/header>\n\t\t<\/div>\n\t\t<div class=\"post-content\">\n\t\t\t<a href=\"https:\/\/www.psib-psoe.org\/mallorca\/el-consell-retalla-un-25-laportacio-a-joves-per-la-llengua\/\" class=\"more-link\">Read More<\/a>\n\t\t<\/div>\n\t\t\t<aside class=\"post-bottom-meta hide\">\n\t\t<strong rel=\"author\" itemprop=\"author\" class=\"author vcard\"><span class=\"fn\">Albert<\/span><\/strong>\n\t\t<time class=\"date published time\" datetime=\"2024-05-02T11:27:15+02:00\" itemprop=\"datePublished\" content=\"2024-05-02T11:27:15+02:00\">02\/05\/2024<\/time>\n\t\t<meta itemprop=\"dateModified\" class=\"date updated\" content=\"2024-10-14T11:40:33+02:00\">\n\t\t<span class=\"hide\" itemprop=\"publisher\" itemscope itemtype=\"https:\/\/schema.org\/Organization\">\n\t\t\t<meta itemprop=\"name\" content=\"SocialistesdMca\">\n\t\t\t<span itemprop=\"logo\" itemscope itemtype=\"https:\/\/schema.org\/ImageObject\">\n\t\t\t\t<meta itemprop=\"url\" content=\"https:\/\/www.psib-psoe.org\/mallorca\/wp-content\/themes\/notio-wp\/assets\/img\/logo.png\">\n\t\t\t<\/span>\n\t\t\t<meta itemprop=\"url\" content=\"https:\/\/www.psib-psoe.org\/mallorca\/\">\n\t\t<\/span>\n\t\t\t\t<span class=\"hide\" itemprop=\"image\" itemscope itemtype=\"http:\/\/schema.org\/ImageObject\">\n\t\t\t<meta itemprop=\"url\" content=\"https:\/\/www.psib-psoe.org\/mallorca\/wp-content\/uploads\/Disseny-sense-ti\u0301tol-5.jpg\">\n\t\t\t<meta itemprop=\"width\" content=\"1920\">\n\t\t\t<meta itemprop=\"height\" content=\"1080\">\n\t\t<\/span>\n\t\t\t\t<meta itemscope itemprop=\"mainEntityOfPage\" itemtype=\"https:\/\/schema.org\/WebPage\" itemid=\"https:\/\/www.psib-psoe.org\/mallorca\/el-consell-retalla-un-25-laportacio-a-joves-per-la-llengua\/\">\n\t<\/aside>\n\t\t<\/article>\n<\/div>\n<div class=\"small-12 large-4 columns\">\n\t<article itemscope itemtype=\"http:\/\/schema.org\/Article\" class=\"post blog-style7 alt post-28569 type-post status-publish format-standard has-post-thumbnail hentry category-consell-de-mallorca category-federacio-de-mallorca category-federacio-de-mallorca-portada category-municipis category-portada tag-agrupacio-socialista-dandratx tag-andreu-serra tag-antoni-mir tag-catalina-cladera tag-consell-de-mallorca tag-federacio-socialista-de-mallorca tag-javier-de-juan tag-psib-psoe\" role=\"article\">\n\t\t<figure class=\"post-gallery\"><img loading=\"lazy\" decoding=\"async\" width=\"600\" height=\"400\" src=\"https:\/\/www.psib-psoe.org\/mallorca\/wp-content\/uploads\/Compareixen\u00e7a-Agroturisme2-600x400.jpeg\" class=\"attachment-notio-general-x2 size-notio-general-x2 wp-post-image\" alt=\"\" srcset=\"https:\/\/www.psib-psoe.org\/mallorca\/wp-content\/uploads\/Compareixen\u00e7a-Agroturisme2-600x400.jpeg 600w, https:\/\/www.psib-psoe.org\/mallorca\/wp-content\/uploads\/Compareixen\u00e7a-Agroturisme2-300x200.jpeg 300w, https:\/\/www.psib-psoe.org\/mallorca\/wp-content\/uploads\/Compareixen\u00e7a-Agroturisme2-900x600.jpeg 900w, https:\/\/www.psib-psoe.org\/mallorca\/wp-content\/uploads\/Compareixen\u00e7a-Agroturisme2-20x13.jpeg 20w\" sizes=\"(max-width: 600px) 100vw, 600px\" \/><\/figure>\n\t\t<div class=\"blog-top\">\n\t\t\t<header class=\"post-title entry-header\">\n\t\t\t\t<aside class=\"post-meta cf\">\n\t\t02\/05\/2024 \/ <a href=\"https:\/\/www.psib-psoe.org\/mallorca\/category\/consell-de-mallorca\/\" rel=\"category tag\">Consell de Mallorca<\/a>, <a href=\"https:\/\/www.psib-psoe.org\/mallorca\/category\/federacio-de-mallorca\/\" rel=\"category tag\">Federaci\u00f3 de Mallorca<\/a>, <a href=\"https:\/\/www.psib-psoe.org\/mallorca\/category\/federacio-de-mallorca-portada\/\" rel=\"category tag\">Federaci\u00f3 de Mallorca - Portada<\/a>, <a href=\"https:\/\/www.psib-psoe.org\/mallorca\/category\/municipis\/\" rel=\"category tag\">Municipis<\/a>, <a href=\"https:\/\/www.psib-psoe.org\/mallorca\/category\/portada\/\" rel=\"category tag\">Portada<\/a><\/aside>\n\t\t\t\t<h3 itemprop=\"headline\"><a href=\"https:\/\/www.psib-psoe.org\/mallorca\/galmes-segueix-sense-donar-cap-explicacio-sobre-la-tramitacio-de-lagroturisme-de-porsell\/\" title=\"Galm\u00e9s segueix sense donar cap explicaci\u00f3 sobre la tramitaci\u00f3 de l&#8217;agroturisme de Porsell.\">Galm\u00e9s segueix sense donar cap explicaci\u00f3 sobre la tramitaci\u00f3 de l&#8217;agroturisme de Porsell.<\/a><\/h3>\n\t\t\t<\/header>\n\t\t<\/div>\n\t\t<div class=\"post-content\">\n\t\t\t<a href=\"https:\/\/www.psib-psoe.org\/mallorca\/galmes-segueix-sense-donar-cap-explicacio-sobre-la-tramitacio-de-lagroturisme-de-porsell\/\" class=\"more-link\">Read More<\/a>\n\t\t<\/div>\n\t\t\t<aside class=\"post-bottom-meta hide\">\n\t\t<strong rel=\"author\" itemprop=\"author\" class=\"author vcard\"><span class=\"fn\">Albert<\/span><\/strong>\n\t\t<time class=\"date published time\" datetime=\"2024-05-02T10:43:09+02:00\" itemprop=\"datePublished\" content=\"2024-05-02T10:43:09+02:00\">02\/05\/2024<\/time>\n\t\t<meta itemprop=\"dateModified\" class=\"date updated\" content=\"2024-10-14T11:40:33+02:00\">\n\t\t<span class=\"hide\" itemprop=\"publisher\" itemscope itemtype=\"https:\/\/schema.org\/Organization\">\n\t\t\t<meta itemprop=\"name\" content=\"SocialistesdMca\">\n\t\t\t<span itemprop=\"logo\" itemscope itemtype=\"https:\/\/schema.org\/ImageObject\">\n\t\t\t\t<meta itemprop=\"url\" content=\"https:\/\/www.psib-psoe.org\/mallorca\/wp-content\/themes\/notio-wp\/assets\/img\/logo.png\">\n\t\t\t<\/span>\n\t\t\t<meta itemprop=\"url\" content=\"https:\/\/www.psib-psoe.org\/mallorca\/\">\n\t\t<\/span>\n\t\t\t\t<span class=\"hide\" itemprop=\"image\" itemscope itemtype=\"http:\/\/schema.org\/ImageObject\">\n\t\t\t<meta itemprop=\"url\" content=\"https:\/\/www.psib-psoe.org\/mallorca\/wp-content\/uploads\/Compareixen\u00e7a-Agroturisme2.jpeg\">\n\t\t\t<meta itemprop=\"width\" content=\"2048\">\n\t\t\t<meta itemprop=\"height\" content=\"1536\">\n\t\t<\/span>\n\t\t\t\t<meta itemscope itemprop=\"mainEntityOfPage\" itemtype=\"https:\/\/schema.org\/WebPage\" itemid=\"https:\/\/www.psib-psoe.org\/mallorca\/galmes-segueix-sense-donar-cap-explicacio-sobre-la-tramitacio-de-lagroturisme-de-porsell\/\">\n\t<\/aside>\n\t\t<\/article>\n<\/div>\n<div class=\"small-12 large-4 columns\">\n\t<article itemscope itemtype=\"http:\/\/schema.org\/Article\" class=\"post blog-style7 alt post-28561 type-post status-publish format-standard has-post-thumbnail hentry category-consell-de-mallorca category-federacio-de-mallorca category-federacio-de-mallorca-portada category-municipis category-portada tag-bea-gamundi tag-federacio-socialista-de-mallorca tag-joan-ferrer tag-maria-antonia-truyols tag-psib-psoe\" role=\"article\">\n\t\t<figure class=\"post-gallery\"><img loading=\"lazy\" decoding=\"async\" width=\"600\" height=\"400\" src=\"https:\/\/www.psib-psoe.org\/mallorca\/wp-content\/uploads\/Neuleres-600x400.jpeg\" class=\"attachment-notio-general-x2 size-notio-general-x2 wp-post-image\" alt=\"\" srcset=\"https:\/\/www.psib-psoe.org\/mallorca\/wp-content\/uploads\/Neuleres-600x400.jpeg 600w, https:\/\/www.psib-psoe.org\/mallorca\/wp-content\/uploads\/Neuleres-300x200.jpeg 300w, https:\/\/www.psib-psoe.org\/mallorca\/wp-content\/uploads\/Neuleres-20x13.jpeg 20w, https:\/\/www.psib-psoe.org\/mallorca\/wp-content\/uploads\/Neuleres-900x600.jpeg 900w\" sizes=\"(max-width: 600px) 100vw, 600px\" \/><\/figure>\n\t\t<div class=\"blog-top\">\n\t\t\t<header class=\"post-title entry-header\">\n\t\t\t\t<aside class=\"post-meta cf\">\n\t\t28\/04\/2024 \/ <a href=\"https:\/\/www.psib-psoe.org\/mallorca\/category\/consell-de-mallorca\/\" rel=\"category tag\">Consell de Mallorca<\/a>, <a href=\"https:\/\/www.psib-psoe.org\/mallorca\/category\/federacio-de-mallorca\/\" rel=\"category tag\">Federaci\u00f3 de Mallorca<\/a>, <a href=\"https:\/\/www.psib-psoe.org\/mallorca\/category\/federacio-de-mallorca-portada\/\" rel=\"category tag\">Federaci\u00f3 de Mallorca - Portada<\/a>, <a href=\"https:\/\/www.psib-psoe.org\/mallorca\/category\/municipis\/\" rel=\"category tag\">Municipis<\/a>, <a href=\"https:\/\/www.psib-psoe.org\/mallorca\/category\/portada\/\" rel=\"category tag\">Portada<\/a><\/aside>\n\t\t\t\t<h3 itemprop=\"headline\"><a href=\"https:\/\/www.psib-psoe.org\/mallorca\/els-socialistes-proposen-al-consell-de-mallorca-la-declaracio-de-les-neules-calades-com-a-be-dinteres-cultural-immaterial\/\" title=\"Els Socialistes proposen al Consell de Mallorca la declaraci\u00f3 de les neules calades com a B\u00e9 d&#8217;Inter\u00e8s Cultural Immaterial.\">Els Socialistes proposen al Consell de Mallorca la declaraci\u00f3 de les neules calades com a B\u00e9 d&#8217;Inter\u00e8s Cultural Immaterial.<\/a><\/h3>\n\t\t\t<\/header>\n\t\t<\/div>\n\t\t<div class=\"post-content\">\n\t\t\t<a href=\"https:\/\/www.psib-psoe.org\/mallorca\/els-socialistes-proposen-al-consell-de-mallorca-la-declaracio-de-les-neules-calades-com-a-be-dinteres-cultural-immaterial\/\" class=\"more-link\">Read More<\/a>\n\t\t<\/div>\n\t\t\t<aside class=\"post-bottom-meta hide\">\n\t\t<strong rel=\"author\" itemprop=\"author\" class=\"author vcard\"><span class=\"fn\">Albert<\/span><\/strong>\n\t\t<time class=\"date published time\" datetime=\"2024-04-28T09:33:38+02:00\" itemprop=\"datePublished\" content=\"2024-04-28T09:33:38+02:00\">28\/04\/2024<\/time>\n\t\t<meta itemprop=\"dateModified\" class=\"date updated\" content=\"2024-10-14T11:40:33+02:00\">\n\t\t<span class=\"hide\" itemprop=\"publisher\" itemscope itemtype=\"https:\/\/schema.org\/Organization\">\n\t\t\t<meta itemprop=\"name\" content=\"SocialistesdMca\">\n\t\t\t<span itemprop=\"logo\" itemscope itemtype=\"https:\/\/schema.org\/ImageObject\">\n\t\t\t\t<meta itemprop=\"url\" content=\"https:\/\/www.psib-psoe.org\/mallorca\/wp-content\/themes\/notio-wp\/assets\/img\/logo.png\">\n\t\t\t<\/span>\n\t\t\t<meta itemprop=\"url\" content=\"https:\/\/www.psib-psoe.org\/mallorca\/\">\n\t\t<\/span>\n\t\t\t\t<span class=\"hide\" itemprop=\"image\" itemscope itemtype=\"http:\/\/schema.org\/ImageObject\">\n\t\t\t<meta itemprop=\"url\" content=\"https:\/\/www.psib-psoe.org\/mallorca\/wp-content\/uploads\/Neuleres.jpeg\">\n\t\t\t<meta itemprop=\"width\" content=\"1622\">\n\t\t\t<meta itemprop=\"height\" content=\"1065\">\n\t\t<\/span>\n\t\t\t\t<meta itemscope itemprop=\"mainEntityOfPage\" itemtype=\"https:\/\/schema.org\/WebPage\" itemid=\"https:\/\/www.psib-psoe.org\/mallorca\/els-socialistes-proposen-al-consell-de-mallorca-la-declaracio-de-les-neules-calades-com-a-be-dinteres-cultural-immaterial\/\">\n\t<\/aside>\n\t\t<\/article>\n<\/div>\n<div class=\"small-12 large-4 columns\">\n\t<article itemscope itemtype=\"http:\/\/schema.org\/Article\" class=\"post blog-style7 alt post-28558 type-post status-publish format-standard has-post-thumbnail hentry category-consell-de-mallorca category-federacio-de-mallorca category-federacio-de-mallorca-portada category-municipis category-portada tag-agrupacio-socialista-dandratx tag-enaitz-inan tag-federacio-socialista-de-mallorca tag-marina tag-psib-psoe tag-toni-mir\" role=\"article\">\n\t\t<figure class=\"post-gallery\"><img loading=\"lazy\" decoding=\"async\" width=\"600\" height=\"400\" src=\"https:\/\/www.psib-psoe.org\/mallorca\/wp-content\/uploads\/Ple-Andratx-600x400.jpeg\" class=\"attachment-notio-general-x2 size-notio-general-x2 wp-post-image\" alt=\"\" srcset=\"https:\/\/www.psib-psoe.org\/mallorca\/wp-content\/uploads\/Ple-Andratx-600x400.jpeg 600w, https:\/\/www.psib-psoe.org\/mallorca\/wp-content\/uploads\/Ple-Andratx-300x200.jpeg 300w, https:\/\/www.psib-psoe.org\/mallorca\/wp-content\/uploads\/Ple-Andratx-900x600.jpeg 900w, https:\/\/www.psib-psoe.org\/mallorca\/wp-content\/uploads\/Ple-Andratx-20x13.jpeg 20w\" sizes=\"(max-width: 600px) 100vw, 600px\" \/><\/figure>\n\t\t<div class=\"blog-top\">\n\t\t\t<header class=\"post-title entry-header\">\n\t\t\t\t<aside class=\"post-meta cf\">\n\t\t26\/04\/2024 \/ <a href=\"https:\/\/www.psib-psoe.org\/mallorca\/category\/consell-de-mallorca\/\" rel=\"category tag\">Consell de Mallorca<\/a>, <a href=\"https:\/\/www.psib-psoe.org\/mallorca\/category\/federacio-de-mallorca\/\" rel=\"category tag\">Federaci\u00f3 de Mallorca<\/a>, <a href=\"https:\/\/www.psib-psoe.org\/mallorca\/category\/federacio-de-mallorca-portada\/\" rel=\"category tag\">Federaci\u00f3 de Mallorca - Portada<\/a>, <a href=\"https:\/\/www.psib-psoe.org\/mallorca\/category\/municipis\/\" rel=\"category tag\">Municipis<\/a>, <a href=\"https:\/\/www.psib-psoe.org\/mallorca\/category\/portada\/\" rel=\"category tag\">Portada<\/a><\/aside>\n\t\t\t\t<h3 itemprop=\"headline\"><a href=\"https:\/\/www.psib-psoe.org\/mallorca\/els-socialistes-dandratx-insten-la-batlessa-gonzalvo-a-aclarir-lexpedient-urbanistic-de-lagroturisme-de-porsell\/\" title=\"Els Socialistes d&#8217;Andratx insten la batlessa Gonzalvo a aclarir l&#8217;expedient urban\u00edstic de l&#8217;agroturisme de Porsell.\">Els Socialistes d&#8217;Andratx insten la batlessa Gonzalvo a aclarir l&#8217;expedient urban\u00edstic de l&#8217;agroturisme de Porsell.<\/a><\/h3>\n\t\t\t<\/header>\n\t\t<\/div>\n\t\t<div class=\"post-content\">\n\t\t\t<a href=\"https:\/\/www.psib-psoe.org\/mallorca\/els-socialistes-dandratx-insten-la-batlessa-gonzalvo-a-aclarir-lexpedient-urbanistic-de-lagroturisme-de-porsell\/\" class=\"more-link\">Read More<\/a>\n\t\t<\/div>\n\t\t\t<aside class=\"post-bottom-meta hide\">\n\t\t<strong rel=\"author\" itemprop=\"author\" class=\"author vcard\"><span class=\"fn\">Albert<\/span><\/strong>\n\t\t<time class=\"date published time\" datetime=\"2024-04-26T16:48:41+02:00\" itemprop=\"datePublished\" content=\"2024-04-26T16:48:41+02:00\">26\/04\/2024<\/time>\n\t\t<meta itemprop=\"dateModified\" class=\"date updated\" content=\"2024-10-14T11:40:33+02:00\">\n\t\t<span class=\"hide\" itemprop=\"publisher\" itemscope itemtype=\"https:\/\/schema.org\/Organization\">\n\t\t\t<meta itemprop=\"name\" content=\"SocialistesdMca\">\n\t\t\t<span itemprop=\"logo\" itemscope itemtype=\"https:\/\/schema.org\/ImageObject\">\n\t\t\t\t<meta itemprop=\"url\" content=\"https:\/\/www.psib-psoe.org\/mallorca\/wp-content\/themes\/notio-wp\/assets\/img\/logo.png\">\n\t\t\t<\/span>\n\t\t\t<meta itemprop=\"url\" content=\"https:\/\/www.psib-psoe.org\/mallorca\/\">\n\t\t<\/span>\n\t\t\t\t<span class=\"hide\" itemprop=\"image\" itemscope itemtype=\"http:\/\/schema.org\/ImageObject\">\n\t\t\t<meta itemprop=\"url\" content=\"https:\/\/www.psib-psoe.org\/mallorca\/wp-content\/uploads\/Ple-Andratx.jpeg\">\n\t\t\t<meta itemprop=\"width\" content=\"2048\">\n\t\t\t<meta itemprop=\"height\" content=\"1536\">\n\t\t<\/span>\n\t\t\t\t<meta itemscope itemprop=\"mainEntityOfPage\" itemtype=\"https:\/\/schema.org\/WebPage\" itemid=\"https:\/\/www.psib-psoe.org\/mallorca\/els-socialistes-dandratx-insten-la-batlessa-gonzalvo-a-aclarir-lexpedient-urbanistic-de-lagroturisme-de-porsell\/\">\n\t<\/aside>\n\t\t<\/article>\n<\/div>\n<div class=\"small-12 large-4 columns\">\n\t<article itemscope itemtype=\"http:\/\/schema.org\/Article\" class=\"post blog-style7 alt post-28546 type-post status-publish format-standard has-post-thumbnail hentry category-consell-de-mallorca category-federacio-de-mallorca category-federacio-de-mallorca-portada category-municipis category-portada tag-consell-de-mallorca tag-imas tag-psib-psoe tag-sofia-alonso\" role=\"article\">\n\t\t<figure class=\"post-gallery\"><img loading=\"lazy\" decoding=\"async\" width=\"600\" height=\"400\" src=\"https:\/\/www.psib-psoe.org\/mallorca\/wp-content\/uploads\/040424-Foto-arxiu-Sofia-Alonso-600x400.jpg\" class=\"attachment-notio-general-x2 size-notio-general-x2 wp-post-image\" alt=\"\" srcset=\"https:\/\/www.psib-psoe.org\/mallorca\/wp-content\/uploads\/040424-Foto-arxiu-Sofia-Alonso-600x400.jpg 600w, https:\/\/www.psib-psoe.org\/mallorca\/wp-content\/uploads\/040424-Foto-arxiu-Sofia-Alonso-300x200.jpg 300w, https:\/\/www.psib-psoe.org\/mallorca\/wp-content\/uploads\/040424-Foto-arxiu-Sofia-Alonso-900x600.jpg 900w, https:\/\/www.psib-psoe.org\/mallorca\/wp-content\/uploads\/040424-Foto-arxiu-Sofia-Alonso-20x13.jpg 20w\" sizes=\"(max-width: 600px) 100vw, 600px\" \/><\/figure>\n\t\t<div class=\"blog-top\">\n\t\t\t<header class=\"post-title entry-header\">\n\t\t\t\t<aside class=\"post-meta cf\">\n\t\t26\/04\/2024 \/ <a href=\"https:\/\/www.psib-psoe.org\/mallorca\/category\/consell-de-mallorca\/\" rel=\"category tag\">Consell de Mallorca<\/a>, <a href=\"https:\/\/www.psib-psoe.org\/mallorca\/category\/federacio-de-mallorca\/\" rel=\"category tag\">Federaci\u00f3 de Mallorca<\/a>, <a href=\"https:\/\/www.psib-psoe.org\/mallorca\/category\/federacio-de-mallorca-portada\/\" rel=\"category tag\">Federaci\u00f3 de Mallorca - Portada<\/a>, <a href=\"https:\/\/www.psib-psoe.org\/mallorca\/category\/municipis\/\" rel=\"category tag\">Municipis<\/a>, <a href=\"https:\/\/www.psib-psoe.org\/mallorca\/category\/portada\/\" rel=\"category tag\">Portada<\/a><\/aside>\n\t\t\t\t<h3 itemprop=\"headline\"><a href=\"https:\/\/www.psib-psoe.org\/mallorca\/el-grup-socialista-critica-la-passivitat-del-president-del-limas-guillermo-sanchez-davant-dels-fets-coneguts-a-la-residencia-de-gent-gran-a-montuiri\/\" title=\"El Grup Socialista critica la passivitat del president del l&#8217;IMAS, Guillermo S\u00e1nchez davant dels fets coneguts a la resid\u00e8ncia de gent gran a Montu\u00efri\">El Grup Socialista critica la passivitat del president del l&#8217;IMAS, Guillermo S\u00e1nchez davant dels fets coneguts a la resid\u00e8ncia de gent gran a Montu\u00efri<\/a><\/h3>\n\t\t\t<\/header>\n\t\t<\/div>\n\t\t<div class=\"post-content\">\n\t\t\t<a href=\"https:\/\/www.psib-psoe.org\/mallorca\/el-grup-socialista-critica-la-passivitat-del-president-del-limas-guillermo-sanchez-davant-dels-fets-coneguts-a-la-residencia-de-gent-gran-a-montuiri\/\" class=\"more-link\">Read More<\/a>\n\t\t<\/div>\n\t\t\t<aside class=\"post-bottom-meta hide\">\n\t\t<strong rel=\"author\" itemprop=\"author\" class=\"author vcard\"><span class=\"fn\">Albert<\/span><\/strong>\n\t\t<time class=\"date published time\" datetime=\"2024-04-26T12:59:40+02:00\" itemprop=\"datePublished\" content=\"2024-04-26T12:59:40+02:00\">26\/04\/2024<\/time>\n\t\t<meta itemprop=\"dateModified\" class=\"date updated\" content=\"2024-10-14T11:40:33+02:00\">\n\t\t<span class=\"hide\" itemprop=\"publisher\" itemscope itemtype=\"https:\/\/schema.org\/Organization\">\n\t\t\t<meta itemprop=\"name\" content=\"SocialistesdMca\">\n\t\t\t<span itemprop=\"logo\" itemscope itemtype=\"https:\/\/schema.org\/ImageObject\">\n\t\t\t\t<meta itemprop=\"url\" content=\"https:\/\/www.psib-psoe.org\/mallorca\/wp-content\/themes\/notio-wp\/assets\/img\/logo.png\">\n\t\t\t<\/span>\n\t\t\t<meta itemprop=\"url\" content=\"https:\/\/www.psib-psoe.org\/mallorca\/\">\n\t\t<\/span>\n\t\t\t\t<span class=\"hide\" itemprop=\"image\" itemscope itemtype=\"http:\/\/schema.org\/ImageObject\">\n\t\t\t<meta itemprop=\"url\" content=\"https:\/\/www.psib-psoe.org\/mallorca\/wp-content\/uploads\/040424-Foto-arxiu-Sofia-Alonso.jpg\">\n\t\t\t<meta itemprop=\"width\" content=\"2902\">\n\t\t\t<meta itemprop=\"height\" content=\"2480\">\n\t\t<\/span>\n\t\t\t\t<meta itemscope itemprop=\"mainEntityOfPage\" itemtype=\"https:\/\/schema.org\/WebPage\" itemid=\"https:\/\/www.psib-psoe.org\/mallorca\/el-grup-socialista-critica-la-passivitat-del-president-del-limas-guillermo-sanchez-davant-dels-fets-coneguts-a-la-residencia-de-gent-gran-a-montuiri\/\">\n\t<\/aside>\n\t\t<\/article>\n<\/div>\n<div class=\"small-12 large-4 columns\">\n\t<article itemscope itemtype=\"http:\/\/schema.org\/Article\" class=\"post blog-style7 alt post-28539 type-post status-publish format-standard has-post-thumbnail hentry category-consell-de-mallorca category-federacio-de-mallorca category-federacio-de-mallorca-portada category-municipis category-portada tag-andreu-serra tag-catalina-cladera tag-consell-de-mallorca tag-javier-de-juan tag-juana-m-adrover tag-psib-psoe\" role=\"article\">\n\t\t<figure class=\"post-gallery\"><img loading=\"lazy\" decoding=\"async\" width=\"600\" height=\"400\" src=\"https:\/\/www.psib-psoe.org\/mallorca\/wp-content\/uploads\/Foto-grup-1-600x400.jpeg\" class=\"attachment-notio-general-x2 size-notio-general-x2 wp-post-image\" alt=\"\" srcset=\"https:\/\/www.psib-psoe.org\/mallorca\/wp-content\/uploads\/Foto-grup-1-600x400.jpeg 600w, https:\/\/www.psib-psoe.org\/mallorca\/wp-content\/uploads\/Foto-grup-1-300x200.jpeg 300w, https:\/\/www.psib-psoe.org\/mallorca\/wp-content\/uploads\/Foto-grup-1-900x600.jpeg 900w, https:\/\/www.psib-psoe.org\/mallorca\/wp-content\/uploads\/Foto-grup-1-20x13.jpeg 20w\" sizes=\"(max-width: 600px) 100vw, 600px\" \/><\/figure>\n\t\t<div class=\"blog-top\">\n\t\t\t<header class=\"post-title entry-header\">\n\t\t\t\t<aside class=\"post-meta cf\">\n\t\t25\/04\/2024 \/ <a href=\"https:\/\/www.psib-psoe.org\/mallorca\/category\/consell-de-mallorca\/\" rel=\"category tag\">Consell de Mallorca<\/a>, <a href=\"https:\/\/www.psib-psoe.org\/mallorca\/category\/federacio-de-mallorca\/\" rel=\"category tag\">Federaci\u00f3 de Mallorca<\/a>, <a href=\"https:\/\/www.psib-psoe.org\/mallorca\/category\/federacio-de-mallorca-portada\/\" rel=\"category tag\">Federaci\u00f3 de Mallorca - Portada<\/a>, <a href=\"https:\/\/www.psib-psoe.org\/mallorca\/category\/municipis\/\" rel=\"category tag\">Municipis<\/a>, <a href=\"https:\/\/www.psib-psoe.org\/mallorca\/category\/portada\/\" rel=\"category tag\">Portada<\/a><\/aside>\n\t\t\t\t<h3 itemprop=\"headline\"><a href=\"https:\/\/www.psib-psoe.org\/mallorca\/el-grup-socialista-torna-a-exigir-que-galmes-expliqui-allo-que-sap-de-lexpedient-de-lagroturisme-de-porsell\/\" title=\"El Grup Socialista torna a exigir que Galm\u00e9s &#8220;expliqui all\u00f2 que sap&#8221; de l&#8217;expedient de l&#8217;agroturisme de Porsell.\">El Grup Socialista torna a exigir que Galm\u00e9s &#8220;expliqui all\u00f2 que sap&#8221; de l&#8217;expedient de l&#8217;agroturisme de Porsell.<\/a><\/h3>\n\t\t\t<\/header>\n\t\t<\/div>\n\t\t<div class=\"post-content\">\n\t\t\t<a href=\"https:\/\/www.psib-psoe.org\/mallorca\/el-grup-socialista-torna-a-exigir-que-galmes-expliqui-allo-que-sap-de-lexpedient-de-lagroturisme-de-porsell\/\" class=\"more-link\">Read More<\/a>\n\t\t<\/div>\n\t\t\t<aside class=\"post-bottom-meta hide\">\n\t\t<strong rel=\"author\" itemprop=\"author\" class=\"author vcard\"><span class=\"fn\">Albert<\/span><\/strong>\n\t\t<time class=\"date published time\" datetime=\"2024-04-25T14:13:25+02:00\" itemprop=\"datePublished\" content=\"2024-04-25T14:13:25+02:00\">25\/04\/2024<\/time>\n\t\t<meta itemprop=\"dateModified\" class=\"date updated\" content=\"2024-10-14T11:40:33+02:00\">\n\t\t<span class=\"hide\" itemprop=\"publisher\" itemscope itemtype=\"https:\/\/schema.org\/Organization\">\n\t\t\t<meta itemprop=\"name\" content=\"SocialistesdMca\">\n\t\t\t<span itemprop=\"logo\" itemscope itemtype=\"https:\/\/schema.org\/ImageObject\">\n\t\t\t\t<meta itemprop=\"url\" content=\"https:\/\/www.psib-psoe.org\/mallorca\/wp-content\/themes\/notio-wp\/assets\/img\/logo.png\">\n\t\t\t<\/span>\n\t\t\t<meta itemprop=\"url\" content=\"https:\/\/www.psib-psoe.org\/mallorca\/\">\n\t\t<\/span>\n\t\t\t\t<span class=\"hide\" itemprop=\"image\" itemscope itemtype=\"http:\/\/schema.org\/ImageObject\">\n\t\t\t<meta itemprop=\"url\" content=\"https:\/\/www.psib-psoe.org\/mallorca\/wp-content\/uploads\/Foto-grup-1.jpeg\">\n\t\t\t<meta itemprop=\"width\" content=\"1600\">\n\t\t\t<meta itemprop=\"height\" content=\"1200\">\n\t\t<\/span>\n\t\t\t\t<meta itemscope itemprop=\"mainEntityOfPage\" itemtype=\"https:\/\/schema.org\/WebPage\" itemid=\"https:\/\/www.psib-psoe.org\/mallorca\/el-grup-socialista-torna-a-exigir-que-galmes-expliqui-allo-que-sap-de-lexpedient-de-lagroturisme-de-porsell\/\">\n\t<\/aside>\n\t\t<\/article>\n<\/div>\n<div class=\"small-12 large-4 columns\">\n\t<article itemscope itemtype=\"http:\/\/schema.org\/Article\" class=\"post blog-style7 alt post-28534 type-post status-publish format-standard has-post-thumbnail hentry category-consell-de-mallorca category-federacio-de-mallorca category-federacio-de-mallorca-portada category-municipis category-portada tag-andreu-serra tag-catalina-cladera tag-consell-de-mallorca tag-javier-de-juan tag-psib-psoe\" role=\"article\">\n\t\t<figure class=\"post-gallery\"><img loading=\"lazy\" decoding=\"async\" width=\"600\" height=\"400\" src=\"https:\/\/www.psib-psoe.org\/mallorca\/wp-content\/uploads\/Compareixen\u00e7a-Agroturisme-600x400.jpeg\" class=\"attachment-notio-general-x2 size-notio-general-x2 wp-post-image\" alt=\"\" srcset=\"https:\/\/www.psib-psoe.org\/mallorca\/wp-content\/uploads\/Compareixen\u00e7a-Agroturisme-600x400.jpeg 600w, https:\/\/www.psib-psoe.org\/mallorca\/wp-content\/uploads\/Compareixen\u00e7a-Agroturisme-300x200.jpeg 300w, https:\/\/www.psib-psoe.org\/mallorca\/wp-content\/uploads\/Compareixen\u00e7a-Agroturisme-20x13.jpeg 20w, https:\/\/www.psib-psoe.org\/mallorca\/wp-content\/uploads\/Compareixen\u00e7a-Agroturisme-900x600.jpeg 900w\" sizes=\"(max-width: 600px) 100vw, 600px\" \/><\/figure>\n\t\t<div class=\"blog-top\">\n\t\t\t<header class=\"post-title entry-header\">\n\t\t\t\t<aside class=\"post-meta cf\">\n\t\t24\/04\/2024 \/ <a href=\"https:\/\/www.psib-psoe.org\/mallorca\/category\/consell-de-mallorca\/\" rel=\"category tag\">Consell de Mallorca<\/a>, <a href=\"https:\/\/www.psib-psoe.org\/mallorca\/category\/federacio-de-mallorca\/\" rel=\"category tag\">Federaci\u00f3 de Mallorca<\/a>, <a href=\"https:\/\/www.psib-psoe.org\/mallorca\/category\/federacio-de-mallorca-portada\/\" rel=\"category tag\">Federaci\u00f3 de Mallorca - Portada<\/a>, <a href=\"https:\/\/www.psib-psoe.org\/mallorca\/category\/municipis\/\" rel=\"category tag\">Municipis<\/a>, <a href=\"https:\/\/www.psib-psoe.org\/mallorca\/category\/portada\/\" rel=\"category tag\">Portada<\/a><\/aside>\n\t\t\t\t<h3 itemprop=\"headline\"><a href=\"https:\/\/www.psib-psoe.org\/mallorca\/el-conseller-de-turisme-del-consell-confirma-que-jaume-porsell-va-intentar-aconseguir-llicencia-turistica-pel-seu-agroturisme-amb-un-document-fals\/\" title=\"El conseller de Turisme del Consell confirma que Jaume Porsell va intentar aconseguir llic\u00e8ncia tur\u00edstica pel seu agroturisme amb un document fals.\">El conseller de Turisme del Consell confirma que Jaume Porsell va intentar aconseguir llic\u00e8ncia tur\u00edstica pel seu agroturisme amb un document fals.<\/a><\/h3>\n\t\t\t<\/header>\n\t\t<\/div>\n\t\t<div class=\"post-content\">\n\t\t\t<a href=\"https:\/\/www.psib-psoe.org\/mallorca\/el-conseller-de-turisme-del-consell-confirma-que-jaume-porsell-va-intentar-aconseguir-llicencia-turistica-pel-seu-agroturisme-amb-un-document-fals\/\" class=\"more-link\">Read More<\/a>\n\t\t<\/div>\n\t\t\t<aside class=\"post-bottom-meta hide\">\n\t\t<strong rel=\"author\" itemprop=\"author\" class=\"author vcard\"><span class=\"fn\">Albert<\/span><\/strong>\n\t\t<time class=\"date published time\" datetime=\"2024-04-24T17:42:47+02:00\" itemprop=\"datePublished\" content=\"2024-04-24T17:42:47+02:00\">24\/04\/2024<\/time>\n\t\t<meta itemprop=\"dateModified\" class=\"date updated\" content=\"2024-10-14T11:40:33+02:00\">\n\t\t<span class=\"hide\" itemprop=\"publisher\" itemscope itemtype=\"https:\/\/schema.org\/Organization\">\n\t\t\t<meta itemprop=\"name\" content=\"SocialistesdMca\">\n\t\t\t<span itemprop=\"logo\" itemscope itemtype=\"https:\/\/schema.org\/ImageObject\">\n\t\t\t\t<meta itemprop=\"url\" content=\"https:\/\/www.psib-psoe.org\/mallorca\/wp-content\/themes\/notio-wp\/assets\/img\/logo.png\">\n\t\t\t<\/span>\n\t\t\t<meta itemprop=\"url\" content=\"https:\/\/www.psib-psoe.org\/mallorca\/\">\n\t\t<\/span>\n\t\t\t\t<span class=\"hide\" itemprop=\"image\" itemscope itemtype=\"http:\/\/schema.org\/ImageObject\">\n\t\t\t<meta itemprop=\"url\" content=\"https:\/\/www.psib-psoe.org\/mallorca\/wp-content\/uploads\/Compareixen\u00e7a-Agroturisme.jpeg\">\n\t\t\t<meta itemprop=\"width\" content=\"1600\">\n\t\t\t<meta itemprop=\"height\" content=\"1006\">\n\t\t<\/span>\n\t\t\t\t<meta itemscope itemprop=\"mainEntityOfPage\" itemtype=\"https:\/\/schema.org\/WebPage\" itemid=\"https:\/\/www.psib-psoe.org\/mallorca\/el-conseller-de-turisme-del-consell-confirma-que-jaume-porsell-va-intentar-aconseguir-llicencia-turistica-pel-seu-agroturisme-amb-un-document-fals\/\">\n\t<\/aside>\n\t\t<\/article>\n<\/div>\n<div class=\"small-12 large-4 columns\">\n\t<article itemscope itemtype=\"http:\/\/schema.org\/Article\" class=\"post blog-style7 alt post-28527 type-post status-publish format-standard has-post-thumbnail hentry category-consell-de-mallorca category-federacio-de-mallorca category-federacio-de-mallorca-portada category-municipis category-portada tag-agrupacio-socialista-dandratx tag-mallorca tag-psib-psoe tag-toni-mir\" role=\"article\">\n\t\t<figure class=\"post-gallery\"><img loading=\"lazy\" decoding=\"async\" width=\"600\" height=\"400\" src=\"https:\/\/www.psib-psoe.org\/mallorca\/wp-content\/uploads\/Andratx-Mir-Enaitz-600x400.jpeg\" class=\"attachment-notio-general-x2 size-notio-general-x2 wp-post-image\" alt=\"\" srcset=\"https:\/\/www.psib-psoe.org\/mallorca\/wp-content\/uploads\/Andratx-Mir-Enaitz-600x400.jpeg 600w, https:\/\/www.psib-psoe.org\/mallorca\/wp-content\/uploads\/Andratx-Mir-Enaitz-300x200.jpeg 300w, https:\/\/www.psib-psoe.org\/mallorca\/wp-content\/uploads\/Andratx-Mir-Enaitz-900x600.jpeg 900w, https:\/\/www.psib-psoe.org\/mallorca\/wp-content\/uploads\/Andratx-Mir-Enaitz-20x13.jpeg 20w\" sizes=\"(max-width: 600px) 100vw, 600px\" \/><\/figure>\n\t\t<div class=\"blog-top\">\n\t\t\t<header class=\"post-title entry-header\">\n\t\t\t\t<aside class=\"post-meta cf\">\n\t\t23\/04\/2024 \/ <a href=\"https:\/\/www.psib-psoe.org\/mallorca\/category\/consell-de-mallorca\/\" rel=\"category tag\">Consell de Mallorca<\/a>, <a href=\"https:\/\/www.psib-psoe.org\/mallorca\/category\/federacio-de-mallorca\/\" rel=\"category tag\">Federaci\u00f3 de Mallorca<\/a>, <a href=\"https:\/\/www.psib-psoe.org\/mallorca\/category\/federacio-de-mallorca-portada\/\" rel=\"category tag\">Federaci\u00f3 de Mallorca - Portada<\/a>, <a href=\"https:\/\/www.psib-psoe.org\/mallorca\/category\/municipis\/\" rel=\"category tag\">Municipis<\/a>, <a href=\"https:\/\/www.psib-psoe.org\/mallorca\/category\/portada\/\" rel=\"category tag\">Portada<\/a><\/aside>\n\t\t\t\t<h3 itemprop=\"headline\"><a href=\"https:\/\/www.psib-psoe.org\/mallorca\/els-socialistes-dandratx-exigeixen-a-la-batlessa-estefania-gonzalvo-explicacions-i-documentacio-sobre-lhistorial-urbanistic-de-lagroturisme-de-porsell\/\" title=\"Els Socialistes d&#8217;Andratx exigeixen a la batlessa Estefania Gonzalvo explicacions i documentaci\u00f3 sobre l&#8217;historial urban\u00edstic de l&#8217;agroturisme de Porsell.\">Els Socialistes d&#8217;Andratx exigeixen a la batlessa Estefania Gonzalvo explicacions i documentaci\u00f3 sobre l&#8217;historial urban\u00edstic de l&#8217;agroturisme de Porsell.<\/a><\/h3>\n\t\t\t<\/header>\n\t\t<\/div>\n\t\t<div class=\"post-content\">\n\t\t\t<a href=\"https:\/\/www.psib-psoe.org\/mallorca\/els-socialistes-dandratx-exigeixen-a-la-batlessa-estefania-gonzalvo-explicacions-i-documentacio-sobre-lhistorial-urbanistic-de-lagroturisme-de-porsell\/\" class=\"more-link\">Read More<\/a>\n\t\t<\/div>\n\t\t\t<aside class=\"post-bottom-meta hide\">\n\t\t<strong rel=\"author\" itemprop=\"author\" class=\"author vcard\"><span class=\"fn\">Albert<\/span><\/strong>\n\t\t<time class=\"date published time\" datetime=\"2024-04-23T13:07:55+02:00\" itemprop=\"datePublished\" content=\"2024-04-23T13:07:55+02:00\">23\/04\/2024<\/time>\n\t\t<meta itemprop=\"dateModified\" class=\"date updated\" content=\"2024-10-14T11:40:33+02:00\">\n\t\t<span class=\"hide\" itemprop=\"publisher\" itemscope itemtype=\"https:\/\/schema.org\/Organization\">\n\t\t\t<meta itemprop=\"name\" content=\"SocialistesdMca\">\n\t\t\t<span itemprop=\"logo\" itemscope itemtype=\"https:\/\/schema.org\/ImageObject\">\n\t\t\t\t<meta itemprop=\"url\" content=\"https:\/\/www.psib-psoe.org\/mallorca\/wp-content\/themes\/notio-wp\/assets\/img\/logo.png\">\n\t\t\t<\/span>\n\t\t\t<meta itemprop=\"url\" content=\"https:\/\/www.psib-psoe.org\/mallorca\/\">\n\t\t<\/span>\n\t\t\t\t<span class=\"hide\" itemprop=\"image\" itemscope itemtype=\"http:\/\/schema.org\/ImageObject\">\n\t\t\t<meta itemprop=\"url\" content=\"https:\/\/www.psib-psoe.org\/mallorca\/wp-content\/uploads\/Andratx-Mir-Enaitz.jpeg\">\n\t\t\t<meta itemprop=\"width\" content=\"1461\">\n\t\t\t<meta itemprop=\"height\" content=\"828\">\n\t\t<\/span>\n\t\t\t\t<meta itemscope itemprop=\"mainEntityOfPage\" itemtype=\"https:\/\/schema.org\/WebPage\" itemid=\"https:\/\/www.psib-psoe.org\/mallorca\/els-socialistes-dandratx-exigeixen-a-la-batlessa-estefania-gonzalvo-explicacions-i-documentacio-sobre-lhistorial-urbanistic-de-lagroturisme-de-porsell\/\">\n\t<\/aside>\n\t\t<\/article>\n<\/div>\n<div class=\"small-12 large-4 columns\">\n\t<article itemscope itemtype=\"http:\/\/schema.org\/Article\" class=\"post blog-style7 alt post-28523 type-post status-publish format-standard has-post-thumbnail hentry category-consell-de-mallorca category-federacio-de-mallorca category-federacio-de-mallorca-portada category-municipis category-portada tag-antonia-sastre tag-catalina-cladera tag-comissio-executiva tag-javier-de-juan tag-mallorca tag-miquel-cabot tag-patricia-gomez tag-psib-psoe\" role=\"article\">\n\t\t<figure class=\"post-gallery\"><img loading=\"lazy\" decoding=\"async\" width=\"600\" height=\"400\" src=\"https:\/\/www.psib-psoe.org\/mallorca\/wp-content\/uploads\/Foto-1-6-600x400.jpeg\" class=\"attachment-notio-general-x2 size-notio-general-x2 wp-post-image\" alt=\"\" srcset=\"https:\/\/www.psib-psoe.org\/mallorca\/wp-content\/uploads\/Foto-1-6-600x400.jpeg 600w, https:\/\/www.psib-psoe.org\/mallorca\/wp-content\/uploads\/Foto-1-6-300x200.jpeg 300w, https:\/\/www.psib-psoe.org\/mallorca\/wp-content\/uploads\/Foto-1-6-900x600.jpeg 900w, https:\/\/www.psib-psoe.org\/mallorca\/wp-content\/uploads\/Foto-1-6-20x13.jpeg 20w\" sizes=\"(max-width: 600px) 100vw, 600px\" \/><\/figure>\n\t\t<div class=\"blog-top\">\n\t\t\t<header class=\"post-title entry-header\">\n\t\t\t\t<aside class=\"post-meta cf\">\n\t\t22\/04\/2024 \/ <a href=\"https:\/\/www.psib-psoe.org\/mallorca\/category\/consell-de-mallorca\/\" rel=\"category tag\">Consell de Mallorca<\/a>, <a href=\"https:\/\/www.psib-psoe.org\/mallorca\/category\/federacio-de-mallorca\/\" rel=\"category tag\">Federaci\u00f3 de Mallorca<\/a>, <a href=\"https:\/\/www.psib-psoe.org\/mallorca\/category\/federacio-de-mallorca-portada\/\" rel=\"category tag\">Federaci\u00f3 de Mallorca - Portada<\/a>, <a href=\"https:\/\/www.psib-psoe.org\/mallorca\/category\/municipis\/\" rel=\"category tag\">Municipis<\/a>, <a href=\"https:\/\/www.psib-psoe.org\/mallorca\/category\/portada\/\" rel=\"category tag\">Portada<\/a><\/aside>\n\t\t\t\t<h3 itemprop=\"headline\"><a href=\"https:\/\/www.psib-psoe.org\/mallorca\/lexecutiva-dels-socialistes-de-mallorca-reclama-que-no-es-derogui-la-llei-de-memoria-democratica-de-balears\/\" title=\"L&#8217;Executiva dels Socialistes de Mallorca reclama que no es derogui la Llei de Mem\u00f2ria Democr\u00e0tica de Balears.\">L&#8217;Executiva dels Socialistes de Mallorca reclama que no es derogui la Llei de Mem\u00f2ria Democr\u00e0tica de Balears.<\/a><\/h3>\n\t\t\t<\/header>\n\t\t<\/div>\n\t\t<div class=\"post-content\">\n\t\t\t<a href=\"https:\/\/www.psib-psoe.org\/mallorca\/lexecutiva-dels-socialistes-de-mallorca-reclama-que-no-es-derogui-la-llei-de-memoria-democratica-de-balears\/\" class=\"more-link\">Read More<\/a>\n\t\t<\/div>\n\t\t\t<aside class=\"post-bottom-meta hide\">\n\t\t<strong rel=\"author\" itemprop=\"author\" class=\"author vcard\"><span class=\"fn\">Albert<\/span><\/strong>\n\t\t<time class=\"date published time\" datetime=\"2024-04-22T19:36:51+02:00\" itemprop=\"datePublished\" content=\"2024-04-22T19:36:51+02:00\">22\/04\/2024<\/time>\n\t\t<meta itemprop=\"dateModified\" class=\"date updated\" content=\"2024-10-14T11:40:33+02:00\">\n\t\t<span class=\"hide\" itemprop=\"publisher\" itemscope itemtype=\"https:\/\/schema.org\/Organization\">\n\t\t\t<meta itemprop=\"name\" content=\"SocialistesdMca\">\n\t\t\t<span itemprop=\"logo\" itemscope itemtype=\"https:\/\/schema.org\/ImageObject\">\n\t\t\t\t<meta itemprop=\"url\" content=\"https:\/\/www.psib-psoe.org\/mallorca\/wp-content\/themes\/notio-wp\/assets\/img\/logo.png\">\n\t\t\t<\/span>\n\t\t\t<meta itemprop=\"url\" content=\"https:\/\/www.psib-psoe.org\/mallorca\/\">\n\t\t<\/span>\n\t\t\t\t<span class=\"hide\" itemprop=\"image\" itemscope itemtype=\"http:\/\/schema.org\/ImageObject\">\n\t\t\t<meta itemprop=\"url\" content=\"https:\/\/www.psib-psoe.org\/mallorca\/wp-content\/uploads\/Foto-1-6.jpeg\">\n\t\t\t<meta itemprop=\"width\" content=\"2048\">\n\t\t\t<meta itemprop=\"height\" content=\"1004\">\n\t\t<\/span>\n\t\t\t\t<meta itemscope itemprop=\"mainEntityOfPage\" itemtype=\"https:\/\/schema.org\/WebPage\" itemid=\"https:\/\/www.psib-psoe.org\/mallorca\/lexecutiva-dels-socialistes-de-mallorca-reclama-que-no-es-derogui-la-llei-de-memoria-democratica-de-balears\/\">\n\t<\/aside>\n\t\t<\/article>\n<\/div>\n<div class=\"small-12 large-4 columns\">\n\t<article itemscope itemtype=\"http:\/\/schema.org\/Article\" class=\"post blog-style7 alt post-28521 type-post status-publish format-standard has-post-thumbnail hentry category-consell-de-mallorca category-federacio-de-mallorca category-municipis category-portada tag-andreu-serra tag-catalina-cladera tag-mallorca tag-psib-psoe\" role=\"article\">\n\t\t<figure class=\"post-gallery\"><img loading=\"lazy\" decoding=\"async\" width=\"600\" height=\"400\" src=\"https:\/\/www.psib-psoe.org\/mallorca\/wp-content\/uploads\/Disseny-sense-ti\u0301tol-5-600x400.jpg\" class=\"attachment-notio-general-x2 size-notio-general-x2 wp-post-image\" alt=\"\" srcset=\"https:\/\/www.psib-psoe.org\/mallorca\/wp-content\/uploads\/Disseny-sense-ti\u0301tol-5-600x400.jpg 600w, https:\/\/www.psib-psoe.org\/mallorca\/wp-content\/uploads\/Disseny-sense-ti\u0301tol-5-300x200.jpg 300w, https:\/\/www.psib-psoe.org\/mallorca\/wp-content\/uploads\/Disseny-sense-ti\u0301tol-5-900x600.jpg 900w, https:\/\/www.psib-psoe.org\/mallorca\/wp-content\/uploads\/Disseny-sense-ti\u0301tol-5-20x13.jpg 20w\" sizes=\"(max-width: 600px) 100vw, 600px\" \/><\/figure>\n\t\t<div class=\"blog-top\">\n\t\t\t<header class=\"post-title entry-header\">\n\t\t\t\t<aside class=\"post-meta cf\">\n\t\t20\/04\/2024 \/ <a href=\"https:\/\/www.psib-psoe.org\/mallorca\/category\/consell-de-mallorca\/\" rel=\"category tag\">Consell de Mallorca<\/a>, <a href=\"https:\/\/www.psib-psoe.org\/mallorca\/category\/federacio-de-mallorca\/\" rel=\"category tag\">Federaci\u00f3 de Mallorca<\/a>, <a href=\"https:\/\/www.psib-psoe.org\/mallorca\/category\/municipis\/\" rel=\"category tag\">Municipis<\/a>, <a href=\"https:\/\/www.psib-psoe.org\/mallorca\/category\/portada\/\" rel=\"category tag\">Portada<\/a><\/aside>\n\t\t\t\t<h3 itemprop=\"headline\"><a href=\"https:\/\/www.psib-psoe.org\/mallorca\/els-socialistes-demanen-la-compareixenca-urgent-del-president-del-consell-i-del-conseller-de-turisme-per-donar-explicacions-sobre-el-cas-de-lagroturisme-de-lalt-carrec-del-pp\/\" title=\"Els Socialistes demanen la compareixen\u00e7a urgent del president del Consell i del conseller de Turisme per donar explicacions sobre el cas de l&#8217;agroturisme de l&#8217;alt c\u00e0rrec del PP.\">Els Socialistes demanen la compareixen\u00e7a urgent del president del Consell i del conseller de Turisme per donar explicacions sobre el cas de l&#8217;agroturisme de l&#8217;alt c\u00e0rrec del PP.<\/a><\/h3>\n\t\t\t<\/header>\n\t\t<\/div>\n\t\t<div class=\"post-content\">\n\t\t\t<a href=\"https:\/\/www.psib-psoe.org\/mallorca\/els-socialistes-demanen-la-compareixenca-urgent-del-president-del-consell-i-del-conseller-de-turisme-per-donar-explicacions-sobre-el-cas-de-lagroturisme-de-lalt-carrec-del-pp\/\" class=\"more-link\">Read More<\/a>\n\t\t<\/div>\n\t\t\t<aside class=\"post-bottom-meta hide\">\n\t\t<strong rel=\"author\" itemprop=\"author\" class=\"author vcard\"><span class=\"fn\">Albert<\/span><\/strong>\n\t\t<time class=\"date published time\" datetime=\"2024-04-20T13:21:29+02:00\" itemprop=\"datePublished\" content=\"2024-04-20T13:21:29+02:00\">20\/04\/2024<\/time>\n\t\t<meta itemprop=\"dateModified\" class=\"date updated\" content=\"2024-10-14T11:40:34+02:00\">\n\t\t<span class=\"hide\" itemprop=\"publisher\" itemscope itemtype=\"https:\/\/schema.org\/Organization\">\n\t\t\t<meta itemprop=\"name\" content=\"SocialistesdMca\">\n\t\t\t<span itemprop=\"logo\" itemscope itemtype=\"https:\/\/schema.org\/ImageObject\">\n\t\t\t\t<meta itemprop=\"url\" content=\"https:\/\/www.psib-psoe.org\/mallorca\/wp-content\/themes\/notio-wp\/assets\/img\/logo.png\">\n\t\t\t<\/span>\n\t\t\t<meta itemprop=\"url\" content=\"https:\/\/www.psib-psoe.org\/mallorca\/\">\n\t\t<\/span>\n\t\t\t\t<span class=\"hide\" itemprop=\"image\" itemscope itemtype=\"http:\/\/schema.org\/ImageObject\">\n\t\t\t<meta itemprop=\"url\" content=\"https:\/\/www.psib-psoe.org\/mallorca\/wp-content\/uploads\/Disseny-sense-ti\u0301tol-5.jpg\">\n\t\t\t<meta itemprop=\"width\" content=\"1920\">\n\t\t\t<meta itemprop=\"height\" content=\"1080\">\n\t\t<\/span>\n\t\t\t\t<meta itemscope itemprop=\"mainEntityOfPage\" itemtype=\"https:\/\/schema.org\/WebPage\" itemid=\"https:\/\/www.psib-psoe.org\/mallorca\/els-socialistes-demanen-la-compareixenca-urgent-del-president-del-consell-i-del-conseller-de-turisme-per-donar-explicacions-sobre-el-cas-de-lagroturisme-de-lalt-carrec-del-pp\/\">\n\t<\/aside>\n\t\t<\/article>\n<\/div>\n<div class=\"small-12 large-4 columns\">\n\t<article itemscope itemtype=\"http:\/\/schema.org\/Article\" class=\"post blog-style7 alt post-28500 type-post status-publish format-standard has-post-thumbnail hentry category-consell-de-mallorca category-federacio-de-mallorca category-federacio-de-mallorca-portada category-municipis category-portada tag-agrupacio-socialista-de-soller tag-catalina-cladera tag-jaume-mateu tag-psib-psoe\" role=\"article\">\n\t\t<figure class=\"post-gallery\"><img loading=\"lazy\" decoding=\"async\" width=\"600\" height=\"400\" src=\"https:\/\/www.psib-psoe.org\/mallorca\/wp-content\/uploads\/Torre-Picada-1-600x400.jpeg\" class=\"attachment-notio-general-x2 size-notio-general-x2 wp-post-image\" alt=\"\" srcset=\"https:\/\/www.psib-psoe.org\/mallorca\/wp-content\/uploads\/Torre-Picada-1-600x400.jpeg 600w, https:\/\/www.psib-psoe.org\/mallorca\/wp-content\/uploads\/Torre-Picada-1-300x200.jpeg 300w, https:\/\/www.psib-psoe.org\/mallorca\/wp-content\/uploads\/Torre-Picada-1-900x600.jpeg 900w, https:\/\/www.psib-psoe.org\/mallorca\/wp-content\/uploads\/Torre-Picada-1-20x13.jpeg 20w\" sizes=\"(max-width: 600px) 100vw, 600px\" \/><\/figure>\n\t\t<div class=\"blog-top\">\n\t\t\t<header class=\"post-title entry-header\">\n\t\t\t\t<aside class=\"post-meta cf\">\n\t\t18\/04\/2024 \/ <a href=\"https:\/\/www.psib-psoe.org\/mallorca\/category\/consell-de-mallorca\/\" rel=\"category tag\">Consell de Mallorca<\/a>, <a href=\"https:\/\/www.psib-psoe.org\/mallorca\/category\/federacio-de-mallorca\/\" rel=\"category tag\">Federaci\u00f3 de Mallorca<\/a>, <a href=\"https:\/\/www.psib-psoe.org\/mallorca\/category\/federacio-de-mallorca-portada\/\" rel=\"category tag\">Federaci\u00f3 de Mallorca - Portada<\/a>, <a href=\"https:\/\/www.psib-psoe.org\/mallorca\/category\/municipis\/\" rel=\"category tag\">Municipis<\/a>, <a href=\"https:\/\/www.psib-psoe.org\/mallorca\/category\/portada\/\" rel=\"category tag\">Portada<\/a><\/aside>\n\t\t\t\t<h3 itemprop=\"headline\"><a href=\"https:\/\/www.psib-psoe.org\/mallorca\/els-socialistes-exigeixen-lobertura-immediata-al-public-de-la-torre-picada-de-soller\/\" title=\"Els Socialistes exigeixen l&#8217;obertura immediata al p\u00fablic de la Torre Picada de S\u00f3ller\">Els Socialistes exigeixen l&#8217;obertura immediata al p\u00fablic de la Torre Picada de S\u00f3ller<\/a><\/h3>\n\t\t\t<\/header>\n\t\t<\/div>\n\t\t<div class=\"post-content\">\n\t\t\t<a href=\"https:\/\/www.psib-psoe.org\/mallorca\/els-socialistes-exigeixen-lobertura-immediata-al-public-de-la-torre-picada-de-soller\/\" class=\"more-link\">Read More<\/a>\n\t\t<\/div>\n\t\t\t<aside class=\"post-bottom-meta hide\">\n\t\t<strong rel=\"author\" itemprop=\"author\" class=\"author vcard\"><span class=\"fn\">Albert<\/span><\/strong>\n\t\t<time class=\"date published time\" datetime=\"2024-04-18T14:27:20+02:00\" itemprop=\"datePublished\" content=\"2024-04-18T14:27:20+02:00\">18\/04\/2024<\/time>\n\t\t<meta itemprop=\"dateModified\" class=\"date updated\" content=\"2024-10-14T11:40:34+02:00\">\n\t\t<span class=\"hide\" itemprop=\"publisher\" itemscope itemtype=\"https:\/\/schema.org\/Organization\">\n\t\t\t<meta itemprop=\"name\" content=\"SocialistesdMca\">\n\t\t\t<span itemprop=\"logo\" itemscope itemtype=\"https:\/\/schema.org\/ImageObject\">\n\t\t\t\t<meta itemprop=\"url\" content=\"https:\/\/www.psib-psoe.org\/mallorca\/wp-content\/themes\/notio-wp\/assets\/img\/logo.png\">\n\t\t\t<\/span>\n\t\t\t<meta itemprop=\"url\" content=\"https:\/\/www.psib-psoe.org\/mallorca\/\">\n\t\t<\/span>\n\t\t\t\t<span class=\"hide\" itemprop=\"image\" itemscope itemtype=\"http:\/\/schema.org\/ImageObject\">\n\t\t\t<meta itemprop=\"url\" content=\"https:\/\/www.psib-psoe.org\/mallorca\/wp-content\/uploads\/Torre-Picada-1.jpeg\">\n\t\t\t<meta itemprop=\"width\" content=\"4032\">\n\t\t\t<meta itemprop=\"height\" content=\"3024\">\n\t\t<\/span>\n\t\t\t\t<meta itemscope itemprop=\"mainEntityOfPage\" itemtype=\"https:\/\/schema.org\/WebPage\" itemid=\"https:\/\/www.psib-psoe.org\/mallorca\/els-socialistes-exigeixen-lobertura-immediata-al-public-de-la-torre-picada-de-soller\/\">\n\t<\/aside>\n\t\t<\/article>\n<\/div>\n<div class=\"small-12 large-4 columns\">\n\t<article itemscope itemtype=\"http:\/\/schema.org\/Article\" class=\"post blog-style7 alt post-28492 type-post status-publish format-standard has-post-thumbnail hentry category-consell-de-mallorca category-federacio-de-mallorca category-federacio-de-mallorca-portada category-municipis category-portada tag-agrupacio-socialsita-de-calvia tag-catalina-cladera tag-nati-frances tag-psib-psoe\" role=\"article\">\n\t\t<figure class=\"post-gallery\"><img loading=\"lazy\" decoding=\"async\" width=\"600\" height=\"400\" src=\"https:\/\/www.psib-psoe.org\/mallorca\/wp-content\/uploads\/ITV-Calvi\u00e0-2-1-600x400.jpeg\" class=\"attachment-notio-general-x2 size-notio-general-x2 wp-post-image\" alt=\"\" srcset=\"https:\/\/www.psib-psoe.org\/mallorca\/wp-content\/uploads\/ITV-Calvi\u00e0-2-1-600x400.jpeg 600w, https:\/\/www.psib-psoe.org\/mallorca\/wp-content\/uploads\/ITV-Calvi\u00e0-2-1-300x200.jpeg 300w, https:\/\/www.psib-psoe.org\/mallorca\/wp-content\/uploads\/ITV-Calvi\u00e0-2-1-900x600.jpeg 900w, https:\/\/www.psib-psoe.org\/mallorca\/wp-content\/uploads\/ITV-Calvi\u00e0-2-1-20x13.jpeg 20w\" sizes=\"(max-width: 600px) 100vw, 600px\" \/><\/figure>\n\t\t<div class=\"blog-top\">\n\t\t\t<header class=\"post-title entry-header\">\n\t\t\t\t<aside class=\"post-meta cf\">\n\t\t17\/04\/2024 \/ <a href=\"https:\/\/www.psib-psoe.org\/mallorca\/category\/consell-de-mallorca\/\" rel=\"category tag\">Consell de Mallorca<\/a>, <a href=\"https:\/\/www.psib-psoe.org\/mallorca\/category\/federacio-de-mallorca\/\" rel=\"category tag\">Federaci\u00f3 de Mallorca<\/a>, <a href=\"https:\/\/www.psib-psoe.org\/mallorca\/category\/federacio-de-mallorca-portada\/\" rel=\"category tag\">Federaci\u00f3 de Mallorca - Portada<\/a>, <a href=\"https:\/\/www.psib-psoe.org\/mallorca\/category\/municipis\/\" rel=\"category tag\">Municipis<\/a>, <a href=\"https:\/\/www.psib-psoe.org\/mallorca\/category\/portada\/\" rel=\"category tag\">Portada<\/a><\/aside>\n\t\t\t\t<h3 itemprop=\"headline\"><a href=\"https:\/\/www.psib-psoe.org\/mallorca\/cladera-galmes-fa-el-ridicul-lluitant-contra-el-bus-vao-mentre-que-mante-tancada-lestacio-de-la-itv-de-calvia\/\" title=\"Cladera: &#8220;Galm\u00e9s fa el rid\u00edcul lluitant contra el BUS-VAO mentre que mant\u00e9 tancada l&#8217;estaci\u00f3 de la ITV de Calvi\u00e0&#8221;\">Cladera: &#8220;Galm\u00e9s fa el rid\u00edcul lluitant contra el BUS-VAO mentre que mant\u00e9 tancada l&#8217;estaci\u00f3 de la ITV de Calvi\u00e0&#8221;<\/a><\/h3>\n\t\t\t<\/header>\n\t\t<\/div>\n\t\t<div class=\"post-content\">\n\t\t\t<a href=\"https:\/\/www.psib-psoe.org\/mallorca\/cladera-galmes-fa-el-ridicul-lluitant-contra-el-bus-vao-mentre-que-mante-tancada-lestacio-de-la-itv-de-calvia\/\" class=\"more-link\">Read More<\/a>\n\t\t<\/div>\n\t\t\t<aside class=\"post-bottom-meta hide\">\n\t\t<strong rel=\"author\" itemprop=\"author\" class=\"author vcard\"><span class=\"fn\">Albert<\/span><\/strong>\n\t\t<time class=\"date published time\" datetime=\"2024-04-17T13:48:47+02:00\" itemprop=\"datePublished\" content=\"2024-04-17T13:48:47+02:00\">17\/04\/2024<\/time>\n\t\t<meta itemprop=\"dateModified\" class=\"date updated\" content=\"2024-10-14T11:40:34+02:00\">\n\t\t<span class=\"hide\" itemprop=\"publisher\" itemscope itemtype=\"https:\/\/schema.org\/Organization\">\n\t\t\t<meta itemprop=\"name\" content=\"SocialistesdMca\">\n\t\t\t<span itemprop=\"logo\" itemscope itemtype=\"https:\/\/schema.org\/ImageObject\">\n\t\t\t\t<meta itemprop=\"url\" content=\"https:\/\/www.psib-psoe.org\/mallorca\/wp-content\/themes\/notio-wp\/assets\/img\/logo.png\">\n\t\t\t<\/span>\n\t\t\t<meta itemprop=\"url\" content=\"https:\/\/www.psib-psoe.org\/mallorca\/\">\n\t\t<\/span>\n\t\t\t\t<span class=\"hide\" itemprop=\"image\" itemscope itemtype=\"http:\/\/schema.org\/ImageObject\">\n\t\t\t<meta itemprop=\"url\" content=\"https:\/\/www.psib-psoe.org\/mallorca\/wp-content\/uploads\/ITV-Calvi\u00e0-2-1.jpeg\">\n\t\t\t<meta itemprop=\"width\" content=\"2048\">\n\t\t\t<meta itemprop=\"height\" content=\"1536\">\n\t\t<\/span>\n\t\t\t\t<meta itemscope itemprop=\"mainEntityOfPage\" itemtype=\"https:\/\/schema.org\/WebPage\" itemid=\"https:\/\/www.psib-psoe.org\/mallorca\/cladera-galmes-fa-el-ridicul-lluitant-contra-el-bus-vao-mentre-que-mante-tancada-lestacio-de-la-itv-de-calvia\/\">\n\t<\/aside>\n\t\t<\/article>\n<\/div>\n<div class=\"small-12 large-4 columns\">\n\t<article itemscope itemtype=\"http:\/\/schema.org\/Article\" class=\"post blog-style7 alt post-28480 type-post status-publish format-standard has-post-thumbnail hentry category-consell-de-mallorca category-federacio-de-mallorca category-federacio-de-mallorca-portada category-portada tag-andreu-serra tag-consell-de-mallorca tag-iehm\" role=\"article\">\n\t\t<figure class=\"post-gallery\"><img loading=\"lazy\" decoding=\"async\" width=\"600\" height=\"400\" src=\"https:\/\/www.psib-psoe.org\/mallorca\/wp-content\/uploads\/Disseny-sense-ti\u0301tol-5-600x400.jpg\" class=\"attachment-notio-general-x2 size-notio-general-x2 wp-post-image\" alt=\"\" srcset=\"https:\/\/www.psib-psoe.org\/mallorca\/wp-content\/uploads\/Disseny-sense-ti\u0301tol-5-600x400.jpg 600w, https:\/\/www.psib-psoe.org\/mallorca\/wp-content\/uploads\/Disseny-sense-ti\u0301tol-5-300x200.jpg 300w, https:\/\/www.psib-psoe.org\/mallorca\/wp-content\/uploads\/Disseny-sense-ti\u0301tol-5-900x600.jpg 900w, https:\/\/www.psib-psoe.org\/mallorca\/wp-content\/uploads\/Disseny-sense-ti\u0301tol-5-20x13.jpg 20w\" sizes=\"(max-width: 600px) 100vw, 600px\" \/><\/figure>\n\t\t<div class=\"blog-top\">\n\t\t\t<header class=\"post-title entry-header\">\n\t\t\t\t<aside class=\"post-meta cf\">\n\t\t15\/04\/2024 \/ <a href=\"https:\/\/www.psib-psoe.org\/mallorca\/category\/consell-de-mallorca\/\" rel=\"category tag\">Consell de Mallorca<\/a>, <a href=\"https:\/\/www.psib-psoe.org\/mallorca\/category\/federacio-de-mallorca\/\" rel=\"category tag\">Federaci\u00f3 de Mallorca<\/a>, <a href=\"https:\/\/www.psib-psoe.org\/mallorca\/category\/federacio-de-mallorca-portada\/\" rel=\"category tag\">Federaci\u00f3 de Mallorca - Portada<\/a>, <a href=\"https:\/\/www.psib-psoe.org\/mallorca\/category\/portada\/\" rel=\"category tag\">Portada<\/a><\/aside>\n\t\t\t\t<h3 itemprop=\"headline\"><a href=\"https:\/\/www.psib-psoe.org\/mallorca\/els-socialistes-defensen-la-gestio-feta-liehm-i-lamenten-que-ppvox-al-consell-usi-el-trot-com-a-arma-politica\/\" title=\"Els Socialistes defensen la gesti\u00f3 feta a l&#8217;IEHM i lamenten que PPVOX al Consell usi el trot com a arma pol\u00edtica.\">Els Socialistes defensen la gesti\u00f3 feta a l&#8217;IEHM i lamenten que PPVOX al Consell usi el trot com a arma pol\u00edtica.<\/a><\/h3>\n\t\t\t<\/header>\n\t\t<\/div>\n\t\t<div class=\"post-content\">\n\t\t\t<a href=\"https:\/\/www.psib-psoe.org\/mallorca\/els-socialistes-defensen-la-gestio-feta-liehm-i-lamenten-que-ppvox-al-consell-usi-el-trot-com-a-arma-politica\/\" class=\"more-link\">Read More<\/a>\n\t\t<\/div>\n\t\t\t<aside class=\"post-bottom-meta hide\">\n\t\t<strong rel=\"author\" itemprop=\"author\" class=\"author vcard\"><span class=\"fn\">Albert<\/span><\/strong>\n\t\t<time class=\"date published time\" datetime=\"2024-04-15T14:43:27+02:00\" itemprop=\"datePublished\" content=\"2024-04-15T14:43:27+02:00\">15\/04\/2024<\/time>\n\t\t<meta itemprop=\"dateModified\" class=\"date updated\" content=\"2024-10-14T11:40:34+02:00\">\n\t\t<span class=\"hide\" itemprop=\"publisher\" itemscope itemtype=\"https:\/\/schema.org\/Organization\">\n\t\t\t<meta itemprop=\"name\" content=\"SocialistesdMca\">\n\t\t\t<span itemprop=\"logo\" itemscope itemtype=\"https:\/\/schema.org\/ImageObject\">\n\t\t\t\t<meta itemprop=\"url\" content=\"https:\/\/www.psib-psoe.org\/mallorca\/wp-content\/themes\/notio-wp\/assets\/img\/logo.png\">\n\t\t\t<\/span>\n\t\t\t<meta itemprop=\"url\" content=\"https:\/\/www.psib-psoe.org\/mallorca\/\">\n\t\t<\/span>\n\t\t\t\t<span class=\"hide\" itemprop=\"image\" itemscope itemtype=\"http:\/\/schema.org\/ImageObject\">\n\t\t\t<meta itemprop=\"url\" content=\"https:\/\/www.psib-psoe.org\/mallorca\/wp-content\/uploads\/Disseny-sense-ti\u0301tol-5.jpg\">\n\t\t\t<meta itemprop=\"width\" content=\"1920\">\n\t\t\t<meta itemprop=\"height\" content=\"1080\">\n\t\t<\/span>\n\t\t\t\t<meta itemscope itemprop=\"mainEntityOfPage\" itemtype=\"https:\/\/schema.org\/WebPage\" itemid=\"https:\/\/www.psib-psoe.org\/mallorca\/els-socialistes-defensen-la-gestio-feta-liehm-i-lamenten-que-ppvox-al-consell-usi-el-trot-com-a-arma-politica\/\">\n\t<\/aside>\n\t\t<\/article>\n<\/div>\n<div class=\"small-12 large-4 columns\">\n\t<article itemscope itemtype=\"http:\/\/schema.org\/Article\" class=\"post blog-style7 alt post-28471 type-post status-publish format-standard has-post-thumbnail hentry category-consell-de-mallorca category-federacio-de-mallorca category-federacio-de-mallorca-portada category-portada tag-andreu-vidal tag-catalina-cladera tag-consell-de-mallorca tag-javier-de-juan tag-socialistes-alaro\" role=\"article\">\n\t\t<figure class=\"post-gallery\"><img loading=\"lazy\" decoding=\"async\" width=\"600\" height=\"400\" src=\"https:\/\/www.psib-psoe.org\/mallorca\/wp-content\/uploads\/Castell-Alar\u00f3-1-600x400.jpeg\" class=\"attachment-notio-general-x2 size-notio-general-x2 wp-post-image\" alt=\"\" srcset=\"https:\/\/www.psib-psoe.org\/mallorca\/wp-content\/uploads\/Castell-Alar\u00f3-1-600x400.jpeg 600w, https:\/\/www.psib-psoe.org\/mallorca\/wp-content\/uploads\/Castell-Alar\u00f3-1-300x200.jpeg 300w, https:\/\/www.psib-psoe.org\/mallorca\/wp-content\/uploads\/Castell-Alar\u00f3-1-20x13.jpeg 20w, https:\/\/www.psib-psoe.org\/mallorca\/wp-content\/uploads\/Castell-Alar\u00f3-1-900x600.jpeg 900w\" sizes=\"(max-width: 600px) 100vw, 600px\" \/><\/figure>\n\t\t<div class=\"blog-top\">\n\t\t\t<header class=\"post-title entry-header\">\n\t\t\t\t<aside class=\"post-meta cf\">\n\t\t15\/04\/2024 \/ <a href=\"https:\/\/www.psib-psoe.org\/mallorca\/category\/consell-de-mallorca\/\" rel=\"category tag\">Consell de Mallorca<\/a>, <a href=\"https:\/\/www.psib-psoe.org\/mallorca\/category\/federacio-de-mallorca\/\" rel=\"category tag\">Federaci\u00f3 de Mallorca<\/a>, <a href=\"https:\/\/www.psib-psoe.org\/mallorca\/category\/federacio-de-mallorca-portada\/\" rel=\"category tag\">Federaci\u00f3 de Mallorca - Portada<\/a>, <a href=\"https:\/\/www.psib-psoe.org\/mallorca\/category\/portada\/\" rel=\"category tag\">Portada<\/a><\/aside>\n\t\t\t\t<h3 itemprop=\"headline\"><a href=\"https:\/\/www.psib-psoe.org\/mallorca\/despres-de-10-mesos-de-legislatura-el-consell-de-mallorca-no-ha-aconseguit-tancar-la-compra-del-castell-dalaro\/\" title=\"Despr\u00e9s de 10 mesos de legislatura el Consell de Mallorca no ha aconseguit tancar la compra del Castell d&#8217;Alar\u00f3.\">Despr\u00e9s de 10 mesos de legislatura el Consell de Mallorca no ha aconseguit tancar la compra del Castell d&#8217;Alar\u00f3.<\/a><\/h3>\n\t\t\t<\/header>\n\t\t<\/div>\n\t\t<div class=\"post-content\">\n\t\t\t<a href=\"https:\/\/www.psib-psoe.org\/mallorca\/despres-de-10-mesos-de-legislatura-el-consell-de-mallorca-no-ha-aconseguit-tancar-la-compra-del-castell-dalaro\/\" class=\"more-link\">Read More<\/a>\n\t\t<\/div>\n\t\t\t<aside class=\"post-bottom-meta hide\">\n\t\t<strong rel=\"author\" itemprop=\"author\" class=\"author vcard\"><span class=\"fn\">Albert<\/span><\/strong>\n\t\t<time class=\"date published time\" datetime=\"2024-04-15T11:19:28+02:00\" itemprop=\"datePublished\" content=\"2024-04-15T11:19:28+02:00\">15\/04\/2024<\/time>\n\t\t<meta itemprop=\"dateModified\" class=\"date updated\" content=\"2024-10-14T11:40:34+02:00\">\n\t\t<span class=\"hide\" itemprop=\"publisher\" itemscope itemtype=\"https:\/\/schema.org\/Organization\">\n\t\t\t<meta itemprop=\"name\" content=\"SocialistesdMca\">\n\t\t\t<span itemprop=\"logo\" itemscope itemtype=\"https:\/\/schema.org\/ImageObject\">\n\t\t\t\t<meta itemprop=\"url\" content=\"https:\/\/www.psib-psoe.org\/mallorca\/wp-content\/themes\/notio-wp\/assets\/img\/logo.png\">\n\t\t\t<\/span>\n\t\t\t<meta itemprop=\"url\" content=\"https:\/\/www.psib-psoe.org\/mallorca\/\">\n\t\t<\/span>\n\t\t\t\t<span class=\"hide\" itemprop=\"image\" itemscope itemtype=\"http:\/\/schema.org\/ImageObject\">\n\t\t\t<meta itemprop=\"url\" content=\"https:\/\/www.psib-psoe.org\/mallorca\/wp-content\/uploads\/Castell-Alar\u00f3-1.jpeg\">\n\t\t\t<meta itemprop=\"width\" content=\"1016\">\n\t\t\t<meta itemprop=\"height\" content=\"733\">\n\t\t<\/span>\n\t\t\t\t<meta itemscope itemprop=\"mainEntityOfPage\" itemtype=\"https:\/\/schema.org\/WebPage\" itemid=\"https:\/\/www.psib-psoe.org\/mallorca\/despres-de-10-mesos-de-legislatura-el-consell-de-mallorca-no-ha-aconseguit-tancar-la-compra-del-castell-dalaro\/\">\n\t<\/aside>\n\t\t<\/article>\n<\/div>\n<div class=\"small-12 large-4 columns\">\n\t<article itemscope itemtype=\"http:\/\/schema.org\/Article\" class=\"post blog-style7 alt post-28469 type-post status-publish format-standard has-post-thumbnail hentry category-consell-de-mallorca category-federacio-de-mallorca category-federacio-de-mallorca-portada category-portada tag-catalina-cladera tag-consell-de-mallorca tag-sofia-alonso\" role=\"article\">\n\t\t<figure class=\"post-gallery\"><img loading=\"lazy\" decoding=\"async\" width=\"600\" height=\"400\" src=\"https:\/\/www.psib-psoe.org\/mallorca\/wp-content\/uploads\/040424-Foto-arxiu-Sofia-Alonso-600x400.jpg\" class=\"attachment-notio-general-x2 size-notio-general-x2 wp-post-image\" alt=\"\" srcset=\"https:\/\/www.psib-psoe.org\/mallorca\/wp-content\/uploads\/040424-Foto-arxiu-Sofia-Alonso-600x400.jpg 600w, https:\/\/www.psib-psoe.org\/mallorca\/wp-content\/uploads\/040424-Foto-arxiu-Sofia-Alonso-300x200.jpg 300w, https:\/\/www.psib-psoe.org\/mallorca\/wp-content\/uploads\/040424-Foto-arxiu-Sofia-Alonso-900x600.jpg 900w, https:\/\/www.psib-psoe.org\/mallorca\/wp-content\/uploads\/040424-Foto-arxiu-Sofia-Alonso-20x13.jpg 20w\" sizes=\"(max-width: 600px) 100vw, 600px\" \/><\/figure>\n\t\t<div class=\"blog-top\">\n\t\t\t<header class=\"post-title entry-header\">\n\t\t\t\t<aside class=\"post-meta cf\">\n\t\t13\/04\/2024 \/ <a href=\"https:\/\/www.psib-psoe.org\/mallorca\/category\/consell-de-mallorca\/\" rel=\"category tag\">Consell de Mallorca<\/a>, <a href=\"https:\/\/www.psib-psoe.org\/mallorca\/category\/federacio-de-mallorca\/\" rel=\"category tag\">Federaci\u00f3 de Mallorca<\/a>, <a href=\"https:\/\/www.psib-psoe.org\/mallorca\/category\/federacio-de-mallorca-portada\/\" rel=\"category tag\">Federaci\u00f3 de Mallorca - Portada<\/a>, <a href=\"https:\/\/www.psib-psoe.org\/mallorca\/category\/portada\/\" rel=\"category tag\">Portada<\/a><\/aside>\n\t\t\t\t<h3 itemprop=\"headline\"><a href=\"https:\/\/www.psib-psoe.org\/mallorca\/el-consell-de-mallorca-ppvox-empitjora-el-servei-destades-temporals-per-a-gent-gran-a-les-residencies-de-limas\/\" title=\"El Consell de Mallorca PPVOX empitjora el servei d&#8217;estades temporals per a gent gran a les resid\u00e8ncies de l&#8217;IMAS\">El Consell de Mallorca PPVOX empitjora el servei d&#8217;estades temporals per a gent gran a les resid\u00e8ncies de l&#8217;IMAS<\/a><\/h3>\n\t\t\t<\/header>\n\t\t<\/div>\n\t\t<div class=\"post-content\">\n\t\t\t<a href=\"https:\/\/www.psib-psoe.org\/mallorca\/el-consell-de-mallorca-ppvox-empitjora-el-servei-destades-temporals-per-a-gent-gran-a-les-residencies-de-limas\/\" class=\"more-link\">Read More<\/a>\n\t\t<\/div>\n\t\t\t<aside class=\"post-bottom-meta hide\">\n\t\t<strong rel=\"author\" itemprop=\"author\" class=\"author vcard\"><span class=\"fn\">Albert<\/span><\/strong>\n\t\t<time class=\"date published time\" datetime=\"2024-04-13T11:22:28+02:00\" itemprop=\"datePublished\" content=\"2024-04-13T11:22:28+02:00\">13\/04\/2024<\/time>\n\t\t<meta itemprop=\"dateModified\" class=\"date updated\" content=\"2024-10-14T11:40:34+02:00\">\n\t\t<span class=\"hide\" itemprop=\"publisher\" itemscope itemtype=\"https:\/\/schema.org\/Organization\">\n\t\t\t<meta itemprop=\"name\" content=\"SocialistesdMca\">\n\t\t\t<span itemprop=\"logo\" itemscope itemtype=\"https:\/\/schema.org\/ImageObject\">\n\t\t\t\t<meta itemprop=\"url\" content=\"https:\/\/www.psib-psoe.org\/mallorca\/wp-content\/themes\/notio-wp\/assets\/img\/logo.png\">\n\t\t\t<\/span>\n\t\t\t<meta itemprop=\"url\" content=\"https:\/\/www.psib-psoe.org\/mallorca\/\">\n\t\t<\/span>\n\t\t\t\t<span class=\"hide\" itemprop=\"image\" itemscope itemtype=\"http:\/\/schema.org\/ImageObject\">\n\t\t\t<meta itemprop=\"url\" content=\"https:\/\/www.psib-psoe.org\/mallorca\/wp-content\/uploads\/040424-Foto-arxiu-Sofia-Alonso.jpg\">\n\t\t\t<meta itemprop=\"width\" content=\"2902\">\n\t\t\t<meta itemprop=\"height\" content=\"2480\">\n\t\t<\/span>\n\t\t\t\t<meta itemscope itemprop=\"mainEntityOfPage\" itemtype=\"https:\/\/schema.org\/WebPage\" itemid=\"https:\/\/www.psib-psoe.org\/mallorca\/el-consell-de-mallorca-ppvox-empitjora-el-servei-destades-temporals-per-a-gent-gran-a-les-residencies-de-limas\/\">\n\t<\/aside>\n\t\t<\/article>\n<\/div>\n<div class=\"small-12 large-4 columns\">\n\t<article itemscope itemtype=\"http:\/\/schema.org\/Article\" class=\"post blog-style7 alt post-28466 type-post status-publish format-standard has-post-thumbnail hentry category-consell-de-mallorca category-federacio-de-mallorca category-federacio-de-mallorca-portada category-portada tag-catalina-cladera tag-consell-de-mallorca tag-psoe-palma tag-rosario-sanchez tag-sofia-alonso\" role=\"article\">\n\t\t<figure class=\"post-gallery\"><img loading=\"lazy\" decoding=\"async\" width=\"600\" height=\"400\" src=\"https:\/\/www.psib-psoe.org\/mallorca\/wp-content\/uploads\/Imatge-grup-1-600x400.jpeg\" class=\"attachment-notio-general-x2 size-notio-general-x2 wp-post-image\" alt=\"\" srcset=\"https:\/\/www.psib-psoe.org\/mallorca\/wp-content\/uploads\/Imatge-grup-1-600x400.jpeg 600w, https:\/\/www.psib-psoe.org\/mallorca\/wp-content\/uploads\/Imatge-grup-1-300x200.jpeg 300w, https:\/\/www.psib-psoe.org\/mallorca\/wp-content\/uploads\/Imatge-grup-1-900x600.jpeg 900w, https:\/\/www.psib-psoe.org\/mallorca\/wp-content\/uploads\/Imatge-grup-1-20x13.jpeg 20w\" sizes=\"(max-width: 600px) 100vw, 600px\" \/><\/figure>\n\t\t<div class=\"blog-top\">\n\t\t\t<header class=\"post-title entry-header\">\n\t\t\t\t<aside class=\"post-meta cf\">\n\t\t12\/04\/2024 \/ <a href=\"https:\/\/www.psib-psoe.org\/mallorca\/category\/consell-de-mallorca\/\" rel=\"category tag\">Consell de Mallorca<\/a>, <a href=\"https:\/\/www.psib-psoe.org\/mallorca\/category\/federacio-de-mallorca\/\" rel=\"category tag\">Federaci\u00f3 de Mallorca<\/a>, <a href=\"https:\/\/www.psib-psoe.org\/mallorca\/category\/federacio-de-mallorca-portada\/\" rel=\"category tag\">Federaci\u00f3 de Mallorca - Portada<\/a>, <a href=\"https:\/\/www.psib-psoe.org\/mallorca\/category\/portada\/\" rel=\"category tag\">Portada<\/a><\/aside>\n\t\t\t\t<h3 itemprop=\"headline\"><a href=\"https:\/\/www.psib-psoe.org\/mallorca\/els-socialistes-de-palma-i-mallorca-posen-de-manifest-la-incoherencia-del-pp-respecte-el-servei-datencio-integral-a-domicili-a-favor-a-palma-i-en-contra-al-ple-del-consell\/\" title=\"Els Socialistes de Palma i Mallorca posen de manifest la incoher\u00e8ncia del PP respecte el Servei d&#8217;Atenci\u00f3 Integral a Domicili: a favor a Palma i en contra al ple del Consell\">Els Socialistes de Palma i Mallorca posen de manifest la incoher\u00e8ncia del PP respecte el Servei d&#8217;Atenci\u00f3 Integral a Domicili: a favor a Palma i en contra al ple del Consell<\/a><\/h3>\n\t\t\t<\/header>\n\t\t<\/div>\n\t\t<div class=\"post-content\">\n\t\t\t<a href=\"https:\/\/www.psib-psoe.org\/mallorca\/els-socialistes-de-palma-i-mallorca-posen-de-manifest-la-incoherencia-del-pp-respecte-el-servei-datencio-integral-a-domicili-a-favor-a-palma-i-en-contra-al-ple-del-consell\/\" class=\"more-link\">Read More<\/a>\n\t\t<\/div>\n\t\t\t<aside class=\"post-bottom-meta hide\">\n\t\t<strong rel=\"author\" itemprop=\"author\" class=\"author vcard\"><span class=\"fn\">Albert<\/span><\/strong>\n\t\t<time class=\"date published time\" datetime=\"2024-04-12T11:45:11+02:00\" itemprop=\"datePublished\" content=\"2024-04-12T11:45:11+02:00\">12\/04\/2024<\/time>\n\t\t<meta itemprop=\"dateModified\" class=\"date updated\" content=\"2024-10-14T11:40:34+02:00\">\n\t\t<span class=\"hide\" itemprop=\"publisher\" itemscope itemtype=\"https:\/\/schema.org\/Organization\">\n\t\t\t<meta itemprop=\"name\" content=\"SocialistesdMca\">\n\t\t\t<span itemprop=\"logo\" itemscope itemtype=\"https:\/\/schema.org\/ImageObject\">\n\t\t\t\t<meta itemprop=\"url\" content=\"https:\/\/www.psib-psoe.org\/mallorca\/wp-content\/themes\/notio-wp\/assets\/img\/logo.png\">\n\t\t\t<\/span>\n\t\t\t<meta itemprop=\"url\" content=\"https:\/\/www.psib-psoe.org\/mallorca\/\">\n\t\t<\/span>\n\t\t\t\t<span class=\"hide\" itemprop=\"image\" itemscope itemtype=\"http:\/\/schema.org\/ImageObject\">\n\t\t\t<meta itemprop=\"url\" content=\"https:\/\/www.psib-psoe.org\/mallorca\/wp-content\/uploads\/Imatge-grup-1.jpeg\">\n\t\t\t<meta itemprop=\"width\" content=\"2048\">\n\t\t\t<meta itemprop=\"height\" content=\"1536\">\n\t\t<\/span>\n\t\t\t\t<meta itemscope itemprop=\"mainEntityOfPage\" itemtype=\"https:\/\/schema.org\/WebPage\" itemid=\"https:\/\/www.psib-psoe.org\/mallorca\/els-socialistes-de-palma-i-mallorca-posen-de-manifest-la-incoherencia-del-pp-respecte-el-servei-datencio-integral-a-domicili-a-favor-a-palma-i-en-contra-al-ple-del-consell\/\">\n\t<\/aside>\n\t\t<\/article>\n<\/div>\n<div class=\"small-12 large-4 columns\">\n\t<article itemscope itemtype=\"http:\/\/schema.org\/Article\" class=\"post blog-style7 alt post-28463 type-post status-publish format-standard has-post-thumbnail hentry category-consell-de-mallorca category-federacio-de-mallorca category-federacio-de-mallorca-portada category-portada tag-andreu-serra tag-bea-gamundi tag-catalina-cladera tag-consell-de-mallorca tag-javier-de-juan tag-juana-m-adrover\" role=\"article\">\n\t\t<figure class=\"post-gallery\"><img loading=\"lazy\" decoding=\"async\" width=\"600\" height=\"400\" src=\"https:\/\/www.psib-psoe.org\/mallorca\/wp-content\/uploads\/Imatge-grup-3-600x400.jpeg\" class=\"attachment-notio-general-x2 size-notio-general-x2 wp-post-image\" alt=\"\" srcset=\"https:\/\/www.psib-psoe.org\/mallorca\/wp-content\/uploads\/Imatge-grup-3-600x400.jpeg 600w, https:\/\/www.psib-psoe.org\/mallorca\/wp-content\/uploads\/Imatge-grup-3-300x200.jpeg 300w, https:\/\/www.psib-psoe.org\/mallorca\/wp-content\/uploads\/Imatge-grup-3-900x600.jpeg 900w, https:\/\/www.psib-psoe.org\/mallorca\/wp-content\/uploads\/Imatge-grup-3-20x13.jpeg 20w\" sizes=\"(max-width: 600px) 100vw, 600px\" \/><\/figure>\n\t\t<div class=\"blog-top\">\n\t\t\t<header class=\"post-title entry-header\">\n\t\t\t\t<aside class=\"post-meta cf\">\n\t\t11\/04\/2024 \/ <a href=\"https:\/\/www.psib-psoe.org\/mallorca\/category\/consell-de-mallorca\/\" rel=\"category tag\">Consell de Mallorca<\/a>, <a href=\"https:\/\/www.psib-psoe.org\/mallorca\/category\/federacio-de-mallorca\/\" rel=\"category tag\">Federaci\u00f3 de Mallorca<\/a>, <a href=\"https:\/\/www.psib-psoe.org\/mallorca\/category\/federacio-de-mallorca-portada\/\" rel=\"category tag\">Federaci\u00f3 de Mallorca - Portada<\/a>, <a href=\"https:\/\/www.psib-psoe.org\/mallorca\/category\/portada\/\" rel=\"category tag\">Portada<\/a><\/aside>\n\t\t\t\t<h3 itemprop=\"headline\"><a href=\"https:\/\/www.psib-psoe.org\/mallorca\/els-socialistes-denuncien-els-insults-de-vox-al-fons-mallorqui-de-cooperacio-i-lincompliment-del-reglament-del-consell-de-mallorca-de-galmes-per-tolerar-los\/\" title=\"Els Socialistes denuncien els insults de VOX al Fons Mallorqu\u00ed de Cooperaci\u00f3 i l&#8217;incompliment del Reglament del Consell de Mallorca de Galm\u00e9s per tolerar-los.\">Els Socialistes denuncien els insults de VOX al Fons Mallorqu\u00ed de Cooperaci\u00f3 i l&#8217;incompliment del Reglament del Consell de Mallorca de Galm\u00e9s per tolerar-los.<\/a><\/h3>\n\t\t\t<\/header>\n\t\t<\/div>\n\t\t<div class=\"post-content\">\n\t\t\t<a href=\"https:\/\/www.psib-psoe.org\/mallorca\/els-socialistes-denuncien-els-insults-de-vox-al-fons-mallorqui-de-cooperacio-i-lincompliment-del-reglament-del-consell-de-mallorca-de-galmes-per-tolerar-los\/\" class=\"more-link\">Read More<\/a>\n\t\t<\/div>\n\t\t\t<aside class=\"post-bottom-meta hide\">\n\t\t<strong rel=\"author\" itemprop=\"author\" class=\"author vcard\"><span class=\"fn\">Albert<\/span><\/strong>\n\t\t<time class=\"date published time\" datetime=\"2024-04-11T17:38:01+02:00\" itemprop=\"datePublished\" content=\"2024-04-11T17:38:01+02:00\">11\/04\/2024<\/time>\n\t\t<meta itemprop=\"dateModified\" class=\"date updated\" content=\"2024-10-14T11:40:35+02:00\">\n\t\t<span class=\"hide\" itemprop=\"publisher\" itemscope itemtype=\"https:\/\/schema.org\/Organization\">\n\t\t\t<meta itemprop=\"name\" content=\"SocialistesdMca\">\n\t\t\t<span itemprop=\"logo\" itemscope itemtype=\"https:\/\/schema.org\/ImageObject\">\n\t\t\t\t<meta itemprop=\"url\" content=\"https:\/\/www.psib-psoe.org\/mallorca\/wp-content\/themes\/notio-wp\/assets\/img\/logo.png\">\n\t\t\t<\/span>\n\t\t\t<meta itemprop=\"url\" content=\"https:\/\/www.psib-psoe.org\/mallorca\/\">\n\t\t<\/span>\n\t\t\t\t<span class=\"hide\" itemprop=\"image\" itemscope itemtype=\"http:\/\/schema.org\/ImageObject\">\n\t\t\t<meta itemprop=\"url\" content=\"https:\/\/www.psib-psoe.org\/mallorca\/wp-content\/uploads\/Imatge-grup-3.jpeg\">\n\t\t\t<meta itemprop=\"width\" content=\"2048\">\n\t\t\t<meta itemprop=\"height\" content=\"1536\">\n\t\t<\/span>\n\t\t\t\t<meta itemscope itemprop=\"mainEntityOfPage\" itemtype=\"https:\/\/schema.org\/WebPage\" itemid=\"https:\/\/www.psib-psoe.org\/mallorca\/els-socialistes-denuncien-els-insults-de-vox-al-fons-mallorqui-de-cooperacio-i-lincompliment-del-reglament-del-consell-de-mallorca-de-galmes-per-tolerar-los\/\">\n\t<\/aside>\n\t\t<\/article>\n<\/div>\n<div class=\"small-12 large-4 columns\">\n\t<article itemscope itemtype=\"http:\/\/schema.org\/Article\" class=\"post blog-style7 alt post-28460 type-post status-publish format-standard has-post-thumbnail hentry category-consell-de-mallorca category-federacio-de-mallorca category-federacio-de-mallorca-portada category-portada tag-andreu-serra tag-bea-gamundi tag-catalina-cladera tag-consell-de-mallorca tag-javier-de-juan tag-juana-m-adrover\" role=\"article\">\n\t\t<figure class=\"post-gallery\"><img loading=\"lazy\" decoding=\"async\" width=\"600\" height=\"400\" src=\"https:\/\/www.psib-psoe.org\/mallorca\/wp-content\/uploads\/Imatge-grup-2-600x400.jpeg\" class=\"attachment-notio-general-x2 size-notio-general-x2 wp-post-image\" alt=\"\" srcset=\"https:\/\/www.psib-psoe.org\/mallorca\/wp-content\/uploads\/Imatge-grup-2-600x400.jpeg 600w, https:\/\/www.psib-psoe.org\/mallorca\/wp-content\/uploads\/Imatge-grup-2-300x200.jpeg 300w, https:\/\/www.psib-psoe.org\/mallorca\/wp-content\/uploads\/Imatge-grup-2-900x600.jpeg 900w, https:\/\/www.psib-psoe.org\/mallorca\/wp-content\/uploads\/Imatge-grup-2-20x13.jpeg 20w\" sizes=\"(max-width: 600px) 100vw, 600px\" \/><\/figure>\n\t\t<div class=\"blog-top\">\n\t\t\t<header class=\"post-title entry-header\">\n\t\t\t\t<aside class=\"post-meta cf\">\n\t\t11\/04\/2024 \/ <a href=\"https:\/\/www.psib-psoe.org\/mallorca\/category\/consell-de-mallorca\/\" rel=\"category tag\">Consell de Mallorca<\/a>, <a href=\"https:\/\/www.psib-psoe.org\/mallorca\/category\/federacio-de-mallorca\/\" rel=\"category tag\">Federaci\u00f3 de Mallorca<\/a>, <a href=\"https:\/\/www.psib-psoe.org\/mallorca\/category\/federacio-de-mallorca-portada\/\" rel=\"category tag\">Federaci\u00f3 de Mallorca - Portada<\/a>, <a href=\"https:\/\/www.psib-psoe.org\/mallorca\/category\/portada\/\" rel=\"category tag\">Portada<\/a><\/aside>\n\t\t\t\t<h3 itemprop=\"headline\"><a href=\"https:\/\/www.psib-psoe.org\/mallorca\/els-projectes-de-romanents-aprovats-pel-consell-denoten-una-manca-de-projecte-de-ppvox-i-obvien-la-inversio-social\/\" title=\"Els projectes de romanents aprovats pel Consell denoten una manca de projecte de PPVOX i obvien la inversi\u00f3 social.\">Els projectes de romanents aprovats pel Consell denoten una manca de projecte de PPVOX i obvien la inversi\u00f3 social.<\/a><\/h3>\n\t\t\t<\/header>\n\t\t<\/div>\n\t\t<div class=\"post-content\">\n\t\t\t<a href=\"https:\/\/www.psib-psoe.org\/mallorca\/els-projectes-de-romanents-aprovats-pel-consell-denoten-una-manca-de-projecte-de-ppvox-i-obvien-la-inversio-social\/\" class=\"more-link\">Read More<\/a>\n\t\t<\/div>\n\t\t\t<aside class=\"post-bottom-meta hide\">\n\t\t<strong rel=\"author\" itemprop=\"author\" class=\"author vcard\"><span class=\"fn\">Albert<\/span><\/strong>\n\t\t<time class=\"date published time\" datetime=\"2024-04-11T17:22:50+02:00\" itemprop=\"datePublished\" content=\"2024-04-11T17:22:50+02:00\">11\/04\/2024<\/time>\n\t\t<meta itemprop=\"dateModified\" class=\"date updated\" content=\"2024-10-14T11:40:35+02:00\">\n\t\t<span class=\"hide\" itemprop=\"publisher\" itemscope itemtype=\"https:\/\/schema.org\/Organization\">\n\t\t\t<meta itemprop=\"name\" content=\"SocialistesdMca\">\n\t\t\t<span itemprop=\"logo\" itemscope itemtype=\"https:\/\/schema.org\/ImageObject\">\n\t\t\t\t<meta itemprop=\"url\" content=\"https:\/\/www.psib-psoe.org\/mallorca\/wp-content\/themes\/notio-wp\/assets\/img\/logo.png\">\n\t\t\t<\/span>\n\t\t\t<meta itemprop=\"url\" content=\"https:\/\/www.psib-psoe.org\/mallorca\/\">\n\t\t<\/span>\n\t\t\t\t<span class=\"hide\" itemprop=\"image\" itemscope itemtype=\"http:\/\/schema.org\/ImageObject\">\n\t\t\t<meta itemprop=\"url\" content=\"https:\/\/www.psib-psoe.org\/mallorca\/wp-content\/uploads\/Imatge-grup-2.jpeg\">\n\t\t\t<meta itemprop=\"width\" content=\"2048\">\n\t\t\t<meta itemprop=\"height\" content=\"1536\">\n\t\t<\/span>\n\t\t\t\t<meta itemscope itemprop=\"mainEntityOfPage\" itemtype=\"https:\/\/schema.org\/WebPage\" itemid=\"https:\/\/www.psib-psoe.org\/mallorca\/els-projectes-de-romanents-aprovats-pel-consell-denoten-una-manca-de-projecte-de-ppvox-i-obvien-la-inversio-social\/\">\n\t<\/aside>\n\t\t<\/article>\n<\/div>\n<div class=\"small-12 large-4 columns\">\n\t<article itemscope itemtype=\"http:\/\/schema.org\/Article\" class=\"post blog-style7 alt post-28457 type-post status-publish format-standard has-post-thumbnail hentry category-consell-de-mallorca category-federacio-de-mallorca category-federacio-de-mallorca-portada category-portada tag-andreu-serra tag-bea-gamundi tag-catalina-cladera tag-consell-de-mallorca tag-javier-de-juan tag-juana-m-adrover\" role=\"article\">\n\t\t<figure class=\"post-gallery\"><img loading=\"lazy\" decoding=\"async\" width=\"600\" height=\"400\" src=\"https:\/\/www.psib-psoe.org\/mallorca\/wp-content\/uploads\/Cladera-2-600x400.jpeg\" class=\"attachment-notio-general-x2 size-notio-general-x2 wp-post-image\" alt=\"\" srcset=\"https:\/\/www.psib-psoe.org\/mallorca\/wp-content\/uploads\/Cladera-2-600x400.jpeg 600w, https:\/\/www.psib-psoe.org\/mallorca\/wp-content\/uploads\/Cladera-2-300x200.jpeg 300w, https:\/\/www.psib-psoe.org\/mallorca\/wp-content\/uploads\/Cladera-2-900x600.jpeg 900w, https:\/\/www.psib-psoe.org\/mallorca\/wp-content\/uploads\/Cladera-2-20x13.jpeg 20w\" sizes=\"(max-width: 600px) 100vw, 600px\" \/><\/figure>\n\t\t<div class=\"blog-top\">\n\t\t\t<header class=\"post-title entry-header\">\n\t\t\t\t<aside class=\"post-meta cf\">\n\t\t10\/04\/2024 \/ <a href=\"https:\/\/www.psib-psoe.org\/mallorca\/category\/consell-de-mallorca\/\" rel=\"category tag\">Consell de Mallorca<\/a>, <a href=\"https:\/\/www.psib-psoe.org\/mallorca\/category\/federacio-de-mallorca\/\" rel=\"category tag\">Federaci\u00f3 de Mallorca<\/a>, <a href=\"https:\/\/www.psib-psoe.org\/mallorca\/category\/federacio-de-mallorca-portada\/\" rel=\"category tag\">Federaci\u00f3 de Mallorca - Portada<\/a>, <a href=\"https:\/\/www.psib-psoe.org\/mallorca\/category\/portada\/\" rel=\"category tag\">Portada<\/a><\/aside>\n\t\t\t\t<h3 itemprop=\"headline\"><a href=\"https:\/\/www.psib-psoe.org\/mallorca\/els-projectes-que-ppvox-financa-amb-el-romanent-de-tresoreria-demostren-la-manca-de-projecte-de-galmes-per-mallorca\/\" title=\"Els projectes que PPVOX finan\u00e7a amb el romanent de tresoreria demostren la manca de projecte de Galm\u00e9s per Mallorca.\">Els projectes que PPVOX finan\u00e7a amb el romanent de tresoreria demostren la manca de projecte de Galm\u00e9s per Mallorca.<\/a><\/h3>\n\t\t\t<\/header>\n\t\t<\/div>\n\t\t<div class=\"post-content\">\n\t\t\t<a href=\"https:\/\/www.psib-psoe.org\/mallorca\/els-projectes-que-ppvox-financa-amb-el-romanent-de-tresoreria-demostren-la-manca-de-projecte-de-galmes-per-mallorca\/\" class=\"more-link\">Read More<\/a>\n\t\t<\/div>\n\t\t\t<aside class=\"post-bottom-meta hide\">\n\t\t<strong rel=\"author\" itemprop=\"author\" class=\"author vcard\"><span class=\"fn\">Albert<\/span><\/strong>\n\t\t<time class=\"date published time\" datetime=\"2024-04-10T14:04:20+02:00\" itemprop=\"datePublished\" content=\"2024-04-10T14:04:20+02:00\">10\/04\/2024<\/time>\n\t\t<meta itemprop=\"dateModified\" class=\"date updated\" content=\"2024-10-14T11:40:35+02:00\">\n\t\t<span class=\"hide\" itemprop=\"publisher\" itemscope itemtype=\"https:\/\/schema.org\/Organization\">\n\t\t\t<meta itemprop=\"name\" content=\"SocialistesdMca\">\n\t\t\t<span itemprop=\"logo\" itemscope itemtype=\"https:\/\/schema.org\/ImageObject\">\n\t\t\t\t<meta itemprop=\"url\" content=\"https:\/\/www.psib-psoe.org\/mallorca\/wp-content\/themes\/notio-wp\/assets\/img\/logo.png\">\n\t\t\t<\/span>\n\t\t\t<meta itemprop=\"url\" content=\"https:\/\/www.psib-psoe.org\/mallorca\/\">\n\t\t<\/span>\n\t\t\t\t<span class=\"hide\" itemprop=\"image\" itemscope itemtype=\"http:\/\/schema.org\/ImageObject\">\n\t\t\t<meta itemprop=\"url\" content=\"https:\/\/www.psib-psoe.org\/mallorca\/wp-content\/uploads\/Cladera-2.jpeg\">\n\t\t\t<meta itemprop=\"width\" content=\"2048\">\n\t\t\t<meta itemprop=\"height\" content=\"1536\">\n\t\t<\/span>\n\t\t\t\t<meta itemscope itemprop=\"mainEntityOfPage\" itemtype=\"https:\/\/schema.org\/WebPage\" itemid=\"https:\/\/www.psib-psoe.org\/mallorca\/els-projectes-que-ppvox-financa-amb-el-romanent-de-tresoreria-demostren-la-manca-de-projecte-de-galmes-per-mallorca\/\">\n\t<\/aside>\n\t\t<\/article>\n<\/div>\n<div class=\"small-12 large-4 columns\">\n\t<article itemscope itemtype=\"http:\/\/schema.org\/Article\" class=\"post blog-style7 alt post-28448 type-post status-publish format-standard has-post-thumbnail hentry category-consell-de-mallorca category-federacio-de-mallorca category-municipis category-portada tag-bea-gamundi tag-catalina-cladera tag-mallorca\" role=\"article\">\n\t\t<figure class=\"post-gallery\"><img loading=\"lazy\" decoding=\"async\" width=\"600\" height=\"400\" src=\"https:\/\/www.psib-psoe.org\/mallorca\/wp-content\/uploads\/Les-elegides-2022-600x400.jpeg\" class=\"attachment-notio-general-x2 size-notio-general-x2 wp-post-image\" alt=\"\" srcset=\"https:\/\/www.psib-psoe.org\/mallorca\/wp-content\/uploads\/Les-elegides-2022-600x400.jpeg 600w, https:\/\/www.psib-psoe.org\/mallorca\/wp-content\/uploads\/Les-elegides-2022-300x200.jpeg 300w, https:\/\/www.psib-psoe.org\/mallorca\/wp-content\/uploads\/Les-elegides-2022-20x13.jpeg 20w\" sizes=\"(max-width: 600px) 100vw, 600px\" \/><\/figure>\n\t\t<div class=\"blog-top\">\n\t\t\t<header class=\"post-title entry-header\">\n\t\t\t\t<aside class=\"post-meta cf\">\n\t\t09\/04\/2024 \/ <a href=\"https:\/\/www.psib-psoe.org\/mallorca\/category\/consell-de-mallorca\/\" rel=\"category tag\">Consell de Mallorca<\/a>, <a href=\"https:\/\/www.psib-psoe.org\/mallorca\/category\/federacio-de-mallorca\/\" rel=\"category tag\">Federaci\u00f3 de Mallorca<\/a>, <a href=\"https:\/\/www.psib-psoe.org\/mallorca\/category\/municipis\/\" rel=\"category tag\">Municipis<\/a>, <a href=\"https:\/\/www.psib-psoe.org\/mallorca\/category\/portada\/\" rel=\"category tag\">Portada<\/a><\/aside>\n\t\t\t\t<h3 itemprop=\"headline\"><a href=\"https:\/\/www.psib-psoe.org\/mallorca\/els-socialistes-de-mallorca-remarquen-el-paper-de-les-dones-en-politica-i-les-politiques-de-cooperacio-en-lambit-local\/\" title=\"Els Socialistes de Mallorca remarquen el paper de les dones en pol\u00edtica i les pol\u00edtiques de cooperaci\u00f3 en l&#8217;\u00e0mbit local.\">Els Socialistes de Mallorca remarquen el paper de les dones en pol\u00edtica i les pol\u00edtiques de cooperaci\u00f3 en l&#8217;\u00e0mbit local.<\/a><\/h3>\n\t\t\t<\/header>\n\t\t<\/div>\n\t\t<div class=\"post-content\">\n\t\t\t<a href=\"https:\/\/www.psib-psoe.org\/mallorca\/els-socialistes-de-mallorca-remarquen-el-paper-de-les-dones-en-politica-i-les-politiques-de-cooperacio-en-lambit-local\/\" class=\"more-link\">Read More<\/a>\n\t\t<\/div>\n\t\t\t<aside class=\"post-bottom-meta hide\">\n\t\t<strong rel=\"author\" itemprop=\"author\" class=\"author vcard\"><span class=\"fn\">Albert<\/span><\/strong>\n\t\t<time class=\"date published time\" datetime=\"2024-04-09T17:13:44+02:00\" itemprop=\"datePublished\" content=\"2024-04-09T17:13:44+02:00\">09\/04\/2024<\/time>\n\t\t<meta itemprop=\"dateModified\" class=\"date updated\" content=\"2024-10-14T11:40:35+02:00\">\n\t\t<span class=\"hide\" itemprop=\"publisher\" itemscope itemtype=\"https:\/\/schema.org\/Organization\">\n\t\t\t<meta itemprop=\"name\" content=\"SocialistesdMca\">\n\t\t\t<span itemprop=\"logo\" itemscope itemtype=\"https:\/\/schema.org\/ImageObject\">\n\t\t\t\t<meta itemprop=\"url\" content=\"https:\/\/www.psib-psoe.org\/mallorca\/wp-content\/themes\/notio-wp\/assets\/img\/logo.png\">\n\t\t\t<\/span>\n\t\t\t<meta itemprop=\"url\" content=\"https:\/\/www.psib-psoe.org\/mallorca\/\">\n\t\t<\/span>\n\t\t\t\t<span class=\"hide\" itemprop=\"image\" itemscope itemtype=\"http:\/\/schema.org\/ImageObject\">\n\t\t\t<meta itemprop=\"url\" content=\"https:\/\/www.psib-psoe.org\/mallorca\/wp-content\/uploads\/Les-elegides-2022.jpeg\">\n\t\t\t<meta itemprop=\"width\" content=\"768\">\n\t\t\t<meta itemprop=\"height\" content=\"1024\">\n\t\t<\/span>\n\t\t\t\t<meta itemscope itemprop=\"mainEntityOfPage\" itemtype=\"https:\/\/schema.org\/WebPage\" itemid=\"https:\/\/www.psib-psoe.org\/mallorca\/els-socialistes-de-mallorca-remarquen-el-paper-de-les-dones-en-politica-i-les-politiques-de-cooperacio-en-lambit-local\/\">\n\t<\/aside>\n\t\t<\/article>\n<\/div>\n<div class=\"small-12 large-4 columns\">\n\t<article itemscope itemtype=\"http:\/\/schema.org\/Article\" class=\"post blog-style7 alt post-28429 type-post status-publish format-standard has-post-thumbnail hentry category-federacio-de-mallorca tag-federacio-socialista-de-mallorca\" role=\"article\">\n\t\t<figure class=\"post-gallery\"><img loading=\"lazy\" decoding=\"async\" width=\"600\" height=\"400\" src=\"https:\/\/www.psib-psoe.org\/mallorca\/wp-content\/uploads\/IMATGE-NDP-600x400.jpeg\" class=\"attachment-notio-general-x2 size-notio-general-x2 wp-post-image\" alt=\"\" srcset=\"https:\/\/www.psib-psoe.org\/mallorca\/wp-content\/uploads\/IMATGE-NDP-600x400.jpeg 600w, https:\/\/www.psib-psoe.org\/mallorca\/wp-content\/uploads\/IMATGE-NDP-300x200.jpeg 300w, https:\/\/www.psib-psoe.org\/mallorca\/wp-content\/uploads\/IMATGE-NDP-900x600.jpeg 900w, https:\/\/www.psib-psoe.org\/mallorca\/wp-content\/uploads\/IMATGE-NDP-20x13.jpeg 20w\" sizes=\"(max-width: 600px) 100vw, 600px\" \/><\/figure>\n\t\t<div class=\"blog-top\">\n\t\t\t<header class=\"post-title entry-header\">\n\t\t\t\t<aside class=\"post-meta cf\">\n\t\t22\/03\/2024 \/ <a href=\"https:\/\/www.psib-psoe.org\/mallorca\/category\/federacio-de-mallorca\/\" rel=\"category tag\">Federaci\u00f3 de Mallorca<\/a><\/aside>\n\t\t\t\t<h3 itemprop=\"headline\"><a href=\"https:\/\/www.psib-psoe.org\/mallorca\/els-socialistes-posen-en-valor-limpuls-de-lagenda-feminista-del-govern-de-lestat-en-contraposicio-a-linvolucionisme-de-la-dreta\/\" title=\"Els socialistes posen en valor l\u2019impuls de l\u2019agenda feminista del Govern de l\u2019Estat en contraposici\u00f3 a l\u2019involucionisme de la dreta.\">Els socialistes posen en valor l\u2019impuls de l\u2019agenda feminista del Govern de l\u2019Estat en contraposici\u00f3 a l\u2019involucionisme de la dreta.<\/a><\/h3>\n\t\t\t<\/header>\n\t\t<\/div>\n\t\t<div class=\"post-content\">\n\t\t\t<a href=\"https:\/\/www.psib-psoe.org\/mallorca\/els-socialistes-posen-en-valor-limpuls-de-lagenda-feminista-del-govern-de-lestat-en-contraposicio-a-linvolucionisme-de-la-dreta\/\" class=\"more-link\">Read More<\/a>\n\t\t<\/div>\n\t\t\t<aside class=\"post-bottom-meta hide\">\n\t\t<strong rel=\"author\" itemprop=\"author\" class=\"author vcard\"><span class=\"fn\">adminpsib<\/span><\/strong>\n\t\t<time class=\"date published time\" datetime=\"2024-03-22T22:22:45+02:00\" itemprop=\"datePublished\" content=\"2024-03-22T22:22:45+02:00\">22\/03\/2024<\/time>\n\t\t<meta itemprop=\"dateModified\" class=\"date updated\" content=\"2024-10-14T11:40:35+02:00\">\n\t\t<span class=\"hide\" itemprop=\"publisher\" itemscope itemtype=\"https:\/\/schema.org\/Organization\">\n\t\t\t<meta itemprop=\"name\" content=\"SocialistesdMca\">\n\t\t\t<span itemprop=\"logo\" itemscope itemtype=\"https:\/\/schema.org\/ImageObject\">\n\t\t\t\t<meta itemprop=\"url\" content=\"https:\/\/www.psib-psoe.org\/mallorca\/wp-content\/themes\/notio-wp\/assets\/img\/logo.png\">\n\t\t\t<\/span>\n\t\t\t<meta itemprop=\"url\" content=\"https:\/\/www.psib-psoe.org\/mallorca\/\">\n\t\t<\/span>\n\t\t\t\t<span class=\"hide\" itemprop=\"image\" itemscope itemtype=\"http:\/\/schema.org\/ImageObject\">\n\t\t\t<meta itemprop=\"url\" content=\"https:\/\/www.psib-psoe.org\/mallorca\/wp-content\/uploads\/IMATGE-NDP.jpeg\">\n\t\t\t<meta itemprop=\"width\" content=\"2048\">\n\t\t\t<meta itemprop=\"height\" content=\"1704\">\n\t\t<\/span>\n\t\t\t\t<meta itemscope itemprop=\"mainEntityOfPage\" itemtype=\"https:\/\/schema.org\/WebPage\" itemid=\"https:\/\/www.psib-psoe.org\/mallorca\/els-socialistes-posen-en-valor-limpuls-de-lagenda-feminista-del-govern-de-lestat-en-contraposicio-a-linvolucionisme-de-la-dreta\/\">\n\t<\/aside>\n\t\t<\/article>\n<\/div>\n<div class=\"small-12 large-4 columns\">\n\t<article itemscope itemtype=\"http:\/\/schema.org\/Article\" class=\"post blog-style7 alt post-28427 type-post status-publish format-standard has-post-thumbnail hentry category-consell-de-mallorca category-federacio-de-mallorca category-federacio-de-mallorca-portada category-municipis category-portada tag-andreu-serra tag-catalina-cladera tag-consell-de-mallorca tag-psib-psoe tag-turisme\" role=\"article\">\n\t\t<figure class=\"post-gallery\"><img loading=\"lazy\" decoding=\"async\" width=\"600\" height=\"400\" src=\"https:\/\/www.psib-psoe.org\/mallorca\/wp-content\/uploads\/PLe-c\u00e0ncer-2-600x400.jpeg\" class=\"attachment-notio-general-x2 size-notio-general-x2 wp-post-image\" alt=\"\" srcset=\"https:\/\/www.psib-psoe.org\/mallorca\/wp-content\/uploads\/PLe-c\u00e0ncer-2-600x400.jpeg 600w, https:\/\/www.psib-psoe.org\/mallorca\/wp-content\/uploads\/PLe-c\u00e0ncer-2-300x200.jpeg 300w, https:\/\/www.psib-psoe.org\/mallorca\/wp-content\/uploads\/PLe-c\u00e0ncer-2-900x600.jpeg 900w, https:\/\/www.psib-psoe.org\/mallorca\/wp-content\/uploads\/PLe-c\u00e0ncer-2-20x13.jpeg 20w\" sizes=\"(max-width: 600px) 100vw, 600px\" \/><\/figure>\n\t\t<div class=\"blog-top\">\n\t\t\t<header class=\"post-title entry-header\">\n\t\t\t\t<aside class=\"post-meta cf\">\n\t\t22\/03\/2024 \/ <a href=\"https:\/\/www.psib-psoe.org\/mallorca\/category\/consell-de-mallorca\/\" rel=\"category tag\">Consell de Mallorca<\/a>, <a href=\"https:\/\/www.psib-psoe.org\/mallorca\/category\/federacio-de-mallorca\/\" rel=\"category tag\">Federaci\u00f3 de Mallorca<\/a>, <a href=\"https:\/\/www.psib-psoe.org\/mallorca\/category\/federacio-de-mallorca-portada\/\" rel=\"category tag\">Federaci\u00f3 de Mallorca - Portada<\/a>, <a href=\"https:\/\/www.psib-psoe.org\/mallorca\/category\/municipis\/\" rel=\"category tag\">Municipis<\/a>, <a href=\"https:\/\/www.psib-psoe.org\/mallorca\/category\/portada\/\" rel=\"category tag\">Portada<\/a><\/aside>\n\t\t\t\t<h3 itemprop=\"headline\"><a href=\"https:\/\/www.psib-psoe.org\/mallorca\/el-maquillatge-de-les-dades-dinspeccio-turistica-del-consell-demostra-la-ineficacia-del-pla-de-lluita-contra-loferta-illegal-de-galmes\/\" title=\"El maquillatge de les dades d&#8217;inspecci\u00f3 tur\u00edstica del Consell demostra la inefic\u00e0cia del pla de lluita contra l&#8217;oferta il\u00b7legal de Galm\u00e9s.\">El maquillatge de les dades d&#8217;inspecci\u00f3 tur\u00edstica del Consell demostra la inefic\u00e0cia del pla de lluita contra l&#8217;oferta il\u00b7legal de Galm\u00e9s.<\/a><\/h3>\n\t\t\t<\/header>\n\t\t<\/div>\n\t\t<div class=\"post-content\">\n\t\t\t<a href=\"https:\/\/www.psib-psoe.org\/mallorca\/el-maquillatge-de-les-dades-dinspeccio-turistica-del-consell-demostra-la-ineficacia-del-pla-de-lluita-contra-loferta-illegal-de-galmes\/\" class=\"more-link\">Read More<\/a>\n\t\t<\/div>\n\t\t\t<aside class=\"post-bottom-meta hide\">\n\t\t<strong rel=\"author\" itemprop=\"author\" class=\"author vcard\"><span class=\"fn\">Albert<\/span><\/strong>\n\t\t<time class=\"date published time\" datetime=\"2024-03-22T16:08:15+02:00\" itemprop=\"datePublished\" content=\"2024-03-22T16:08:15+02:00\">22\/03\/2024<\/time>\n\t\t<meta itemprop=\"dateModified\" class=\"date updated\" content=\"2024-10-14T11:40:35+02:00\">\n\t\t<span class=\"hide\" itemprop=\"publisher\" itemscope itemtype=\"https:\/\/schema.org\/Organization\">\n\t\t\t<meta itemprop=\"name\" content=\"SocialistesdMca\">\n\t\t\t<span itemprop=\"logo\" itemscope itemtype=\"https:\/\/schema.org\/ImageObject\">\n\t\t\t\t<meta itemprop=\"url\" content=\"https:\/\/www.psib-psoe.org\/mallorca\/wp-content\/themes\/notio-wp\/assets\/img\/logo.png\">\n\t\t\t<\/span>\n\t\t\t<meta itemprop=\"url\" content=\"https:\/\/www.psib-psoe.org\/mallorca\/\">\n\t\t<\/span>\n\t\t\t\t<span class=\"hide\" itemprop=\"image\" itemscope itemtype=\"http:\/\/schema.org\/ImageObject\">\n\t\t\t<meta itemprop=\"url\" content=\"https:\/\/www.psib-psoe.org\/mallorca\/wp-content\/uploads\/PLe-c\u00e0ncer-2.jpeg\">\n\t\t\t<meta itemprop=\"width\" content=\"1600\">\n\t\t\t<meta itemprop=\"height\" content=\"1200\">\n\t\t<\/span>\n\t\t\t\t<meta itemscope itemprop=\"mainEntityOfPage\" itemtype=\"https:\/\/schema.org\/WebPage\" itemid=\"https:\/\/www.psib-psoe.org\/mallorca\/el-maquillatge-de-les-dades-dinspeccio-turistica-del-consell-demostra-la-ineficacia-del-pla-de-lluita-contra-loferta-illegal-de-galmes\/\">\n\t<\/aside>\n\t\t<\/article>\n<\/div>\n<div class=\"small-12 large-4 columns\">\n\t<article itemscope itemtype=\"http:\/\/schema.org\/Article\" class=\"post blog-style7 alt post-28417 type-post status-publish format-standard has-post-thumbnail hentry category-consell-de-mallorca category-federacio-de-mallorca category-federacio-de-mallorca-portada category-portada tag-catalina-cladera tag-consell-de-mallorca tag-psib-psoe tag-socialistes-de-mallorca\" role=\"article\">\n\t\t<figure class=\"post-gallery\"><img loading=\"lazy\" decoding=\"async\" width=\"600\" height=\"400\" src=\"https:\/\/www.psib-psoe.org\/mallorca\/wp-content\/uploads\/Foto-1-600x400.jpg\" class=\"attachment-notio-general-x2 size-notio-general-x2 wp-post-image\" alt=\"\" srcset=\"https:\/\/www.psib-psoe.org\/mallorca\/wp-content\/uploads\/Foto-1-600x400.jpg 600w, https:\/\/www.psib-psoe.org\/mallorca\/wp-content\/uploads\/Foto-1-300x200.jpg 300w, https:\/\/www.psib-psoe.org\/mallorca\/wp-content\/uploads\/Foto-1-900x600.jpg 900w, https:\/\/www.psib-psoe.org\/mallorca\/wp-content\/uploads\/Foto-1-20x13.jpg 20w\" sizes=\"(max-width: 600px) 100vw, 600px\" \/><\/figure>\n\t\t<div class=\"blog-top\">\n\t\t\t<header class=\"post-title entry-header\">\n\t\t\t\t<aside class=\"post-meta cf\">\n\t\t19\/03\/2024 \/ <a href=\"https:\/\/www.psib-psoe.org\/mallorca\/category\/consell-de-mallorca\/\" rel=\"category tag\">Consell de Mallorca<\/a>, <a href=\"https:\/\/www.psib-psoe.org\/mallorca\/category\/federacio-de-mallorca\/\" rel=\"category tag\">Federaci\u00f3 de Mallorca<\/a>, <a href=\"https:\/\/www.psib-psoe.org\/mallorca\/category\/federacio-de-mallorca-portada\/\" rel=\"category tag\">Federaci\u00f3 de Mallorca - Portada<\/a>, <a href=\"https:\/\/www.psib-psoe.org\/mallorca\/category\/portada\/\" rel=\"category tag\">Portada<\/a><\/aside>\n\t\t\t\t<h3 itemprop=\"headline\"><a href=\"https:\/\/www.psib-psoe.org\/mallorca\/els-socialistes-dubten-de-la-capacitat-de-gestio-i-del-projecte-de-ppvox-galmes-per-emprar-els-104-milions-deuros-de-romanent-del-consell\/\" title=\"Els Socialistes dubten de la capacitat de gesti\u00f3 i del projecte de PPVOX-Galm\u00e9s per emprar els 104 milions d&#8217;euros de romanent del Consell.\">Els Socialistes dubten de la capacitat de gesti\u00f3 i del projecte de PPVOX-Galm\u00e9s per emprar els 104 milions d&#8217;euros de romanent del Consell.<\/a><\/h3>\n\t\t\t<\/header>\n\t\t<\/div>\n\t\t<div class=\"post-content\">\n\t\t\t<a href=\"https:\/\/www.psib-psoe.org\/mallorca\/els-socialistes-dubten-de-la-capacitat-de-gestio-i-del-projecte-de-ppvox-galmes-per-emprar-els-104-milions-deuros-de-romanent-del-consell\/\" class=\"more-link\">Read More<\/a>\n\t\t<\/div>\n\t\t\t<aside class=\"post-bottom-meta hide\">\n\t\t<strong rel=\"author\" itemprop=\"author\" class=\"author vcard\"><span class=\"fn\">Albert<\/span><\/strong>\n\t\t<time class=\"date published time\" datetime=\"2024-03-19T15:55:30+02:00\" itemprop=\"datePublished\" content=\"2024-03-19T15:55:30+02:00\">19\/03\/2024<\/time>\n\t\t<meta itemprop=\"dateModified\" class=\"date updated\" content=\"2024-10-14T11:40:35+02:00\">\n\t\t<span class=\"hide\" itemprop=\"publisher\" itemscope itemtype=\"https:\/\/schema.org\/Organization\">\n\t\t\t<meta itemprop=\"name\" content=\"SocialistesdMca\">\n\t\t\t<span itemprop=\"logo\" itemscope itemtype=\"https:\/\/schema.org\/ImageObject\">\n\t\t\t\t<meta itemprop=\"url\" content=\"https:\/\/www.psib-psoe.org\/mallorca\/wp-content\/themes\/notio-wp\/assets\/img\/logo.png\">\n\t\t\t<\/span>\n\t\t\t<meta itemprop=\"url\" content=\"https:\/\/www.psib-psoe.org\/mallorca\/\">\n\t\t<\/span>\n\t\t\t\t<span class=\"hide\" itemprop=\"image\" itemscope itemtype=\"http:\/\/schema.org\/ImageObject\">\n\t\t\t<meta itemprop=\"url\" content=\"https:\/\/www.psib-psoe.org\/mallorca\/wp-content\/uploads\/Foto-1.jpg\">\n\t\t\t<meta itemprop=\"width\" content=\"4032\">\n\t\t\t<meta itemprop=\"height\" content=\"3024\">\n\t\t<\/span>\n\t\t\t\t<meta itemscope itemprop=\"mainEntityOfPage\" itemtype=\"https:\/\/schema.org\/WebPage\" itemid=\"https:\/\/www.psib-psoe.org\/mallorca\/els-socialistes-dubten-de-la-capacitat-de-gestio-i-del-projecte-de-ppvox-galmes-per-emprar-els-104-milions-deuros-de-romanent-del-consell\/\">\n\t<\/aside>\n\t\t<\/article>\n<\/div>\n<div class=\"small-12 large-4 columns\">\n\t<article itemscope itemtype=\"http:\/\/schema.org\/Article\" class=\"post blog-style7 alt post-28405 type-post status-publish format-standard has-post-thumbnail hentry category-consell-de-mallorca category-federacio-de-mallorca category-federacio-de-mallorca-portada category-municipis category-portada tag-bea-gamundi tag-catalina-cladera tag-consell-de-mallorca tag-javier-de-juan tag-psib-psoe tag-socialistes-de-mallorca\" role=\"article\">\n\t\t<figure class=\"post-gallery\"><img loading=\"lazy\" decoding=\"async\" width=\"600\" height=\"400\" src=\"https:\/\/www.psib-psoe.org\/mallorca\/wp-content\/uploads\/Ple-1-600x400.jpeg\" class=\"attachment-notio-general-x2 size-notio-general-x2 wp-post-image\" alt=\"\" srcset=\"https:\/\/www.psib-psoe.org\/mallorca\/wp-content\/uploads\/Ple-1-600x400.jpeg 600w, https:\/\/www.psib-psoe.org\/mallorca\/wp-content\/uploads\/Ple-1-300x200.jpeg 300w, https:\/\/www.psib-psoe.org\/mallorca\/wp-content\/uploads\/Ple-1-900x600.jpeg 900w, https:\/\/www.psib-psoe.org\/mallorca\/wp-content\/uploads\/Ple-1-20x13.jpeg 20w\" sizes=\"(max-width: 600px) 100vw, 600px\" \/><\/figure>\n\t\t<div class=\"blog-top\">\n\t\t\t<header class=\"post-title entry-header\">\n\t\t\t\t<aside class=\"post-meta cf\">\n\t\t14\/03\/2024 \/ <a href=\"https:\/\/www.psib-psoe.org\/mallorca\/category\/consell-de-mallorca\/\" rel=\"category tag\">Consell de Mallorca<\/a>, <a href=\"https:\/\/www.psib-psoe.org\/mallorca\/category\/federacio-de-mallorca\/\" rel=\"category tag\">Federaci\u00f3 de Mallorca<\/a>, <a href=\"https:\/\/www.psib-psoe.org\/mallorca\/category\/federacio-de-mallorca-portada\/\" rel=\"category tag\">Federaci\u00f3 de Mallorca - Portada<\/a>, <a href=\"https:\/\/www.psib-psoe.org\/mallorca\/category\/municipis\/\" rel=\"category tag\">Municipis<\/a>, <a href=\"https:\/\/www.psib-psoe.org\/mallorca\/category\/portada\/\" rel=\"category tag\">Portada<\/a><\/aside>\n\t\t\t\t<h3 itemprop=\"headline\"><a href=\"https:\/\/www.psib-psoe.org\/mallorca\/els-socialistes-lamenten-que-ppvox-al-consell-anteposi-el-seu-pacte-partidista-per-damunt-de-la-dignitat-i-la-reparacio-de-les-victimes-de-la-repressio-franquista\/\" title=\"Els Socialistes lamenten que PPVOX al Consell anteposi el seu pacte partidista per damunt de la dignitat i la reparaci\u00f3 de les v\u00edctimes de la repressi\u00f3 franquista.\">Els Socialistes lamenten que PPVOX al Consell anteposi el seu pacte partidista per damunt de la dignitat i la reparaci\u00f3 de les v\u00edctimes de la repressi\u00f3 franquista.<\/a><\/h3>\n\t\t\t<\/header>\n\t\t<\/div>\n\t\t<div class=\"post-content\">\n\t\t\t<a href=\"https:\/\/www.psib-psoe.org\/mallorca\/els-socialistes-lamenten-que-ppvox-al-consell-anteposi-el-seu-pacte-partidista-per-damunt-de-la-dignitat-i-la-reparacio-de-les-victimes-de-la-repressio-franquista\/\" class=\"more-link\">Read More<\/a>\n\t\t<\/div>\n\t\t\t<aside class=\"post-bottom-meta hide\">\n\t\t<strong rel=\"author\" itemprop=\"author\" class=\"author vcard\"><span class=\"fn\">Albert<\/span><\/strong>\n\t\t<time class=\"date published time\" datetime=\"2024-03-14T21:48:00+02:00\" itemprop=\"datePublished\" content=\"2024-03-14T21:48:00+02:00\">14\/03\/2024<\/time>\n\t\t<meta itemprop=\"dateModified\" class=\"date updated\" content=\"2024-10-14T11:40:35+02:00\">\n\t\t<span class=\"hide\" itemprop=\"publisher\" itemscope itemtype=\"https:\/\/schema.org\/Organization\">\n\t\t\t<meta itemprop=\"name\" content=\"SocialistesdMca\">\n\t\t\t<span itemprop=\"logo\" itemscope itemtype=\"https:\/\/schema.org\/ImageObject\">\n\t\t\t\t<meta itemprop=\"url\" content=\"https:\/\/www.psib-psoe.org\/mallorca\/wp-content\/themes\/notio-wp\/assets\/img\/logo.png\">\n\t\t\t<\/span>\n\t\t\t<meta itemprop=\"url\" content=\"https:\/\/www.psib-psoe.org\/mallorca\/\">\n\t\t<\/span>\n\t\t\t\t<span class=\"hide\" itemprop=\"image\" itemscope itemtype=\"http:\/\/schema.org\/ImageObject\">\n\t\t\t<meta itemprop=\"url\" content=\"https:\/\/www.psib-psoe.org\/mallorca\/wp-content\/uploads\/Ple-1.jpeg\">\n\t\t\t<meta itemprop=\"width\" content=\"1600\">\n\t\t\t<meta itemprop=\"height\" content=\"1200\">\n\t\t<\/span>\n\t\t\t\t<meta itemscope itemprop=\"mainEntityOfPage\" itemtype=\"https:\/\/schema.org\/WebPage\" itemid=\"https:\/\/www.psib-psoe.org\/mallorca\/els-socialistes-lamenten-que-ppvox-al-consell-anteposi-el-seu-pacte-partidista-per-damunt-de-la-dignitat-i-la-reparacio-de-les-victimes-de-la-repressio-franquista\/\">\n\t<\/aside>\n\t\t<\/article>\n<\/div>\n<div class=\"small-12 large-4 columns\">\n\t<article itemscope itemtype=\"http:\/\/schema.org\/Article\" class=\"post blog-style7 alt post-28400 type-post status-publish format-standard has-post-thumbnail hentry category-federacio-de-mallorca category-federacio-de-mallorca-portada category-portada tag-catalina-cladera tag-consell-de-mallorca tag-psib-psoe tag-socialistes-de-mallorca\" role=\"article\">\n\t\t<figure class=\"post-gallery\"><img loading=\"lazy\" decoding=\"async\" width=\"600\" height=\"400\" src=\"https:\/\/www.psib-psoe.org\/mallorca\/wp-content\/uploads\/Mem\u00f2ria4-1-600x400.jpg\" class=\"attachment-notio-general-x2 size-notio-general-x2 wp-post-image\" alt=\"\" srcset=\"https:\/\/www.psib-psoe.org\/mallorca\/wp-content\/uploads\/Mem\u00f2ria4-1-600x400.jpg 600w, https:\/\/www.psib-psoe.org\/mallorca\/wp-content\/uploads\/Mem\u00f2ria4-1-300x200.jpg 300w, https:\/\/www.psib-psoe.org\/mallorca\/wp-content\/uploads\/Mem\u00f2ria4-1-900x600.jpg 900w, https:\/\/www.psib-psoe.org\/mallorca\/wp-content\/uploads\/Mem\u00f2ria4-1-20x13.jpg 20w\" sizes=\"(max-width: 600px) 100vw, 600px\" \/><\/figure>\n\t\t<div class=\"blog-top\">\n\t\t\t<header class=\"post-title entry-header\">\n\t\t\t\t<aside class=\"post-meta cf\">\n\t\t13\/03\/2024 \/ <a href=\"https:\/\/www.psib-psoe.org\/mallorca\/category\/federacio-de-mallorca\/\" rel=\"category tag\">Federaci\u00f3 de Mallorca<\/a>, <a href=\"https:\/\/www.psib-psoe.org\/mallorca\/category\/federacio-de-mallorca-portada\/\" rel=\"category tag\">Federaci\u00f3 de Mallorca - Portada<\/a>, <a href=\"https:\/\/www.psib-psoe.org\/mallorca\/category\/portada\/\" rel=\"category tag\">Portada<\/a><\/aside>\n\t\t\t\t<h3 itemprop=\"headline\"><a href=\"https:\/\/www.psib-psoe.org\/mallorca\/els-socialistes-exigeixen-galmes-que-condemni-explicitament-vox-per-fer-apologia-del-cop-destat-franquista-en-el-ple-i-que-compleixi-amb-la-llei-de-memoria-democratica\/\" title=\"Els Socialistes exigeixen Galm\u00e9s que condemni expl\u00edcitament VOX per fer apologia del cop d&#8217;Estat franquista en el ple i que compleixi amb la llei de Mem\u00f2ria Democr\u00e0tica.\">Els Socialistes exigeixen Galm\u00e9s que condemni expl\u00edcitament VOX per fer apologia del cop d&#8217;Estat franquista en el ple i que compleixi amb la llei de Mem\u00f2ria Democr\u00e0tica.<\/a><\/h3>\n\t\t\t<\/header>\n\t\t<\/div>\n\t\t<div class=\"post-content\">\n\t\t\t<a href=\"https:\/\/www.psib-psoe.org\/mallorca\/els-socialistes-exigeixen-galmes-que-condemni-explicitament-vox-per-fer-apologia-del-cop-destat-franquista-en-el-ple-i-que-compleixi-amb-la-llei-de-memoria-democratica\/\" class=\"more-link\">Read More<\/a>\n\t\t<\/div>\n\t\t\t<aside class=\"post-bottom-meta hide\">\n\t\t<strong rel=\"author\" itemprop=\"author\" class=\"author vcard\"><span class=\"fn\">Albert<\/span><\/strong>\n\t\t<time class=\"date published time\" datetime=\"2024-03-13T15:08:38+02:00\" itemprop=\"datePublished\" content=\"2024-03-13T15:08:38+02:00\">13\/03\/2024<\/time>\n\t\t<meta itemprop=\"dateModified\" class=\"date updated\" content=\"2024-10-14T11:40:35+02:00\">\n\t\t<span class=\"hide\" itemprop=\"publisher\" itemscope itemtype=\"https:\/\/schema.org\/Organization\">\n\t\t\t<meta itemprop=\"name\" content=\"SocialistesdMca\">\n\t\t\t<span itemprop=\"logo\" itemscope itemtype=\"https:\/\/schema.org\/ImageObject\">\n\t\t\t\t<meta itemprop=\"url\" content=\"https:\/\/www.psib-psoe.org\/mallorca\/wp-content\/themes\/notio-wp\/assets\/img\/logo.png\">\n\t\t\t<\/span>\n\t\t\t<meta itemprop=\"url\" content=\"https:\/\/www.psib-psoe.org\/mallorca\/\">\n\t\t<\/span>\n\t\t\t\t<span class=\"hide\" itemprop=\"image\" itemscope itemtype=\"http:\/\/schema.org\/ImageObject\">\n\t\t\t<meta itemprop=\"url\" content=\"https:\/\/www.psib-psoe.org\/mallorca\/wp-content\/uploads\/Mem\u00f2ria4-1.jpg\">\n\t\t\t<meta itemprop=\"width\" content=\"3024\">\n\t\t\t<meta itemprop=\"height\" content=\"2268\">\n\t\t<\/span>\n\t\t\t\t<meta itemscope itemprop=\"mainEntityOfPage\" itemtype=\"https:\/\/schema.org\/WebPage\" itemid=\"https:\/\/www.psib-psoe.org\/mallorca\/els-socialistes-exigeixen-galmes-que-condemni-explicitament-vox-per-fer-apologia-del-cop-destat-franquista-en-el-ple-i-que-compleixi-amb-la-llei-de-memoria-democratica\/\">\n\t<\/aside>\n\t\t<\/article>\n<\/div>\n<div class=\"small-12 large-4 columns\">\n\t<article itemscope itemtype=\"http:\/\/schema.org\/Article\" class=\"post blog-style7 alt post-28396 type-post status-publish format-standard has-post-thumbnail hentry category-federacio-de-mallorca category-federacio-de-mallorca-portada category-portada tag-agrupacio-socialista-de-llucmajor tag-catalina-cladera tag-jaume-j-oliver tag-llorenc-pou tag-parlament tag-psib-psoe\" role=\"article\">\n\t\t<figure class=\"post-gallery\"><img loading=\"lazy\" decoding=\"async\" width=\"600\" height=\"400\" src=\"https:\/\/www.psib-psoe.org\/mallorca\/wp-content\/uploads\/Pou-Parlament-600x400.jpeg\" class=\"attachment-notio-general-x2 size-notio-general-x2 wp-post-image\" alt=\"\" srcset=\"https:\/\/www.psib-psoe.org\/mallorca\/wp-content\/uploads\/Pou-Parlament-600x400.jpeg 600w, https:\/\/www.psib-psoe.org\/mallorca\/wp-content\/uploads\/Pou-Parlament-300x200.jpeg 300w, https:\/\/www.psib-psoe.org\/mallorca\/wp-content\/uploads\/Pou-Parlament-20x13.jpeg 20w, https:\/\/www.psib-psoe.org\/mallorca\/wp-content\/uploads\/Pou-Parlament-900x600.jpeg 900w\" sizes=\"(max-width: 600px) 100vw, 600px\" \/><\/figure>\n\t\t<div class=\"blog-top\">\n\t\t\t<header class=\"post-title entry-header\">\n\t\t\t\t<aside class=\"post-meta cf\">\n\t\t12\/03\/2024 \/ <a href=\"https:\/\/www.psib-psoe.org\/mallorca\/category\/federacio-de-mallorca\/\" rel=\"category tag\">Federaci\u00f3 de Mallorca<\/a>, <a href=\"https:\/\/www.psib-psoe.org\/mallorca\/category\/federacio-de-mallorca-portada\/\" rel=\"category tag\">Federaci\u00f3 de Mallorca - Portada<\/a>, <a href=\"https:\/\/www.psib-psoe.org\/mallorca\/category\/portada\/\" rel=\"category tag\">Portada<\/a><\/aside>\n\t\t\t\t<h3 itemprop=\"headline\"><a href=\"https:\/\/www.psib-psoe.org\/mallorca\/la-sindicatura-de-comptes-auditara-la-gestio-de-pilar-bonet-com-a-regidora-dhisenda-de-lajuntament-de-llucmajor\/\" title=\"La Sindicatura de Comptes auditar\u00e0 la gesti\u00f3 de Pilar Bonet com a regidora d&#8217;Hisenda de l&#8217;Ajuntament de Llucmajor.\">La Sindicatura de Comptes auditar\u00e0 la gesti\u00f3 de Pilar Bonet com a regidora d&#8217;Hisenda de l&#8217;Ajuntament de Llucmajor.<\/a><\/h3>\n\t\t\t<\/header>\n\t\t<\/div>\n\t\t<div class=\"post-content\">\n\t\t\t<a href=\"https:\/\/www.psib-psoe.org\/mallorca\/la-sindicatura-de-comptes-auditara-la-gestio-de-pilar-bonet-com-a-regidora-dhisenda-de-lajuntament-de-llucmajor\/\" class=\"more-link\">Read More<\/a>\n\t\t<\/div>\n\t\t\t<aside class=\"post-bottom-meta hide\">\n\t\t<strong rel=\"author\" itemprop=\"author\" class=\"author vcard\"><span class=\"fn\">Albert<\/span><\/strong>\n\t\t<time class=\"date published time\" datetime=\"2024-03-12T19:03:47+02:00\" itemprop=\"datePublished\" content=\"2024-03-12T19:03:47+02:00\">12\/03\/2024<\/time>\n\t\t<meta itemprop=\"dateModified\" class=\"date updated\" content=\"2024-10-14T11:40:36+02:00\">\n\t\t<span class=\"hide\" itemprop=\"publisher\" itemscope itemtype=\"https:\/\/schema.org\/Organization\">\n\t\t\t<meta itemprop=\"name\" content=\"SocialistesdMca\">\n\t\t\t<span itemprop=\"logo\" itemscope itemtype=\"https:\/\/schema.org\/ImageObject\">\n\t\t\t\t<meta itemprop=\"url\" content=\"https:\/\/www.psib-psoe.org\/mallorca\/wp-content\/themes\/notio-wp\/assets\/img\/logo.png\">\n\t\t\t<\/span>\n\t\t\t<meta itemprop=\"url\" content=\"https:\/\/www.psib-psoe.org\/mallorca\/\">\n\t\t<\/span>\n\t\t\t\t<span class=\"hide\" itemprop=\"image\" itemscope itemtype=\"http:\/\/schema.org\/ImageObject\">\n\t\t\t<meta itemprop=\"url\" content=\"https:\/\/www.psib-psoe.org\/mallorca\/wp-content\/uploads\/Pou-Parlament.jpeg\">\n\t\t\t<meta itemprop=\"width\" content=\"1600\">\n\t\t\t<meta itemprop=\"height\" content=\"994\">\n\t\t<\/span>\n\t\t\t\t<meta itemscope itemprop=\"mainEntityOfPage\" itemtype=\"https:\/\/schema.org\/WebPage\" itemid=\"https:\/\/www.psib-psoe.org\/mallorca\/la-sindicatura-de-comptes-auditara-la-gestio-de-pilar-bonet-com-a-regidora-dhisenda-de-lajuntament-de-llucmajor\/\">\n\t<\/aside>\n\t\t<\/article>\n<\/div>\n<div class=\"small-12 large-4 columns\">\n\t<article itemscope itemtype=\"http:\/\/schema.org\/Article\" class=\"post blog-style7 alt post-28392 type-post status-publish format-standard has-post-thumbnail hentry category-federacio-de-mallorca category-federacio-de-mallorca-portada category-portada tag-bea-gamundi tag-catalina-cladera tag-javier-de-juan tag-joventuts-socialistes-de-mallorca tag-psib-psoe tag-psoe-palma tag-rosario-sanchez tag-silvana-gonzalez tag-sofia-alonso\" role=\"article\">\n\t\t<figure class=\"post-gallery\"><img loading=\"lazy\" decoding=\"async\" width=\"600\" height=\"400\" src=\"https:\/\/www.psib-psoe.org\/mallorca\/wp-content\/uploads\/jovent-visita-600x400.jpg\" class=\"attachment-notio-general-x2 size-notio-general-x2 wp-post-image\" alt=\"\" srcset=\"https:\/\/www.psib-psoe.org\/mallorca\/wp-content\/uploads\/jovent-visita-600x400.jpg 600w, https:\/\/www.psib-psoe.org\/mallorca\/wp-content\/uploads\/jovent-visita-300x200.jpg 300w, https:\/\/www.psib-psoe.org\/mallorca\/wp-content\/uploads\/jovent-visita-900x600.jpg 900w, https:\/\/www.psib-psoe.org\/mallorca\/wp-content\/uploads\/jovent-visita-20x13.jpg 20w\" sizes=\"(max-width: 600px) 100vw, 600px\" \/><\/figure>\n\t\t<div class=\"blog-top\">\n\t\t\t<header class=\"post-title entry-header\">\n\t\t\t\t<aside class=\"post-meta cf\">\n\t\t12\/03\/2024 \/ <a href=\"https:\/\/www.psib-psoe.org\/mallorca\/category\/federacio-de-mallorca\/\" rel=\"category tag\">Federaci\u00f3 de Mallorca<\/a>, <a href=\"https:\/\/www.psib-psoe.org\/mallorca\/category\/federacio-de-mallorca-portada\/\" rel=\"category tag\">Federaci\u00f3 de Mallorca - Portada<\/a>, <a href=\"https:\/\/www.psib-psoe.org\/mallorca\/category\/portada\/\" rel=\"category tag\">Portada<\/a><\/aside>\n\t\t\t\t<h3 itemprop=\"headline\"><a href=\"https:\/\/www.psib-psoe.org\/mallorca\/els-socialistes-exigeixen-que-el-consell-ppvox-comenci-a-fer-politiques-actives-pels-joves-mes-enlla-de-pagar-viatges-a-la-neu-per-a-61-escollits\/\" title=\"Els Socialistes exigeixen que el Consell PPVOX comenci a fer pol\u00edtiques actives pels joves &#8220;m\u00e9s enll\u00e0 de pagar viatges a la neu per a 61 escollits&#8221;\">Els Socialistes exigeixen que el Consell PPVOX comenci a fer pol\u00edtiques actives pels joves &#8220;m\u00e9s enll\u00e0 de pagar viatges a la neu per a 61 escollits&#8221;<\/a><\/h3>\n\t\t\t<\/header>\n\t\t<\/div>\n\t\t<div class=\"post-content\">\n\t\t\t<a href=\"https:\/\/www.psib-psoe.org\/mallorca\/els-socialistes-exigeixen-que-el-consell-ppvox-comenci-a-fer-politiques-actives-pels-joves-mes-enlla-de-pagar-viatges-a-la-neu-per-a-61-escollits\/\" class=\"more-link\">Read More<\/a>\n\t\t<\/div>\n\t\t\t<aside class=\"post-bottom-meta hide\">\n\t\t<strong rel=\"author\" itemprop=\"author\" class=\"author vcard\"><span class=\"fn\">Albert<\/span><\/strong>\n\t\t<time class=\"date published time\" datetime=\"2024-03-12T15:12:07+02:00\" itemprop=\"datePublished\" content=\"2024-03-12T15:12:07+02:00\">12\/03\/2024<\/time>\n\t\t<meta itemprop=\"dateModified\" class=\"date updated\" content=\"2024-10-14T11:40:36+02:00\">\n\t\t<span class=\"hide\" itemprop=\"publisher\" itemscope itemtype=\"https:\/\/schema.org\/Organization\">\n\t\t\t<meta itemprop=\"name\" content=\"SocialistesdMca\">\n\t\t\t<span itemprop=\"logo\" itemscope itemtype=\"https:\/\/schema.org\/ImageObject\">\n\t\t\t\t<meta itemprop=\"url\" content=\"https:\/\/www.psib-psoe.org\/mallorca\/wp-content\/themes\/notio-wp\/assets\/img\/logo.png\">\n\t\t\t<\/span>\n\t\t\t<meta itemprop=\"url\" content=\"https:\/\/www.psib-psoe.org\/mallorca\/\">\n\t\t<\/span>\n\t\t\t\t<span class=\"hide\" itemprop=\"image\" itemscope itemtype=\"http:\/\/schema.org\/ImageObject\">\n\t\t\t<meta itemprop=\"url\" content=\"https:\/\/www.psib-psoe.org\/mallorca\/wp-content\/uploads\/jovent-visita.jpg\">\n\t\t\t<meta itemprop=\"width\" content=\"3024\">\n\t\t\t<meta itemprop=\"height\" content=\"2268\">\n\t\t<\/span>\n\t\t\t\t<meta itemscope itemprop=\"mainEntityOfPage\" itemtype=\"https:\/\/schema.org\/WebPage\" itemid=\"https:\/\/www.psib-psoe.org\/mallorca\/els-socialistes-exigeixen-que-el-consell-ppvox-comenci-a-fer-politiques-actives-pels-joves-mes-enlla-de-pagar-viatges-a-la-neu-per-a-61-escollits\/\">\n\t<\/aside>\n\t\t<\/article>\n<\/div>\n<div class=\"small-12 large-4 columns\">\n\t<article itemscope itemtype=\"http:\/\/schema.org\/Article\" class=\"post blog-style7 alt post-28383 type-post status-publish format-standard has-post-thumbnail hentry category-federacio-de-mallorca category-federacio-de-mallorca-portada category-portada tag-catalina-cladera tag-francina-armengol tag-nati-frances tag-premis-maria-plaza tag-psib-psoe tag-xisca-mir\" role=\"article\">\n\t\t<figure class=\"post-gallery\"><img loading=\"lazy\" decoding=\"async\" width=\"600\" height=\"400\" src=\"https:\/\/www.psib-psoe.org\/mallorca\/wp-content\/uploads\/Maria-Plaza-grup-1-600x400.jpeg\" class=\"attachment-notio-general-x2 size-notio-general-x2 wp-post-image\" alt=\"\" srcset=\"https:\/\/www.psib-psoe.org\/mallorca\/wp-content\/uploads\/Maria-Plaza-grup-1-600x400.jpeg 600w, https:\/\/www.psib-psoe.org\/mallorca\/wp-content\/uploads\/Maria-Plaza-grup-1-300x200.jpeg 300w, https:\/\/www.psib-psoe.org\/mallorca\/wp-content\/uploads\/Maria-Plaza-grup-1-768x512.jpeg 768w, https:\/\/www.psib-psoe.org\/mallorca\/wp-content\/uploads\/Maria-Plaza-grup-1-1024x682.jpeg 1024w, https:\/\/www.psib-psoe.org\/mallorca\/wp-content\/uploads\/Maria-Plaza-grup-1-150x100.jpeg 150w, https:\/\/www.psib-psoe.org\/mallorca\/wp-content\/uploads\/Maria-Plaza-grup-1-900x600.jpeg 900w, https:\/\/www.psib-psoe.org\/mallorca\/wp-content\/uploads\/Maria-Plaza-grup-1-20x13.jpeg 20w, https:\/\/www.psib-psoe.org\/mallorca\/wp-content\/uploads\/Maria-Plaza-grup-1.jpeg 1600w\" sizes=\"(max-width: 600px) 100vw, 600px\" \/><\/figure>\n\t\t<div class=\"blog-top\">\n\t\t\t<header class=\"post-title entry-header\">\n\t\t\t\t<aside class=\"post-meta cf\">\n\t\t09\/03\/2024 \/ <a href=\"https:\/\/www.psib-psoe.org\/mallorca\/category\/federacio-de-mallorca\/\" rel=\"category tag\">Federaci\u00f3 de Mallorca<\/a>, <a href=\"https:\/\/www.psib-psoe.org\/mallorca\/category\/federacio-de-mallorca-portada\/\" rel=\"category tag\">Federaci\u00f3 de Mallorca - Portada<\/a>, <a href=\"https:\/\/www.psib-psoe.org\/mallorca\/category\/portada\/\" rel=\"category tag\">Portada<\/a><\/aside>\n\t\t\t\t<h3 itemprop=\"headline\"><a href=\"https:\/\/www.psib-psoe.org\/mallorca\/lactivista-feminista-antonia-matamalas-i-la-politica-lupe-pulido-distingides-amb-el-premi-maria-plaza-dels-socialistes-de-mallorca\/\" title=\"L&#8217;activista feminista Ant\u00f2nia Matamalas i la pol\u00edtica Lupe Pulido, distingides amb el Premi Maria Plaza dels Socialistes de Mallorca\">L&#8217;activista feminista Ant\u00f2nia Matamalas i la pol\u00edtica Lupe Pulido, distingides amb el Premi Maria Plaza dels Socialistes de Mallorca<\/a><\/h3>\n\t\t\t<\/header>\n\t\t<\/div>\n\t\t<div class=\"post-content\">\n\t\t\t<a href=\"https:\/\/www.psib-psoe.org\/mallorca\/lactivista-feminista-antonia-matamalas-i-la-politica-lupe-pulido-distingides-amb-el-premi-maria-plaza-dels-socialistes-de-mallorca\/\" class=\"more-link\">Read More<\/a>\n\t\t<\/div>\n\t\t\t<aside class=\"post-bottom-meta hide\">\n\t\t<strong rel=\"author\" itemprop=\"author\" class=\"author vcard\"><span class=\"fn\">Albert<\/span><\/strong>\n\t\t<time class=\"date published time\" datetime=\"2024-03-09T17:44:19+02:00\" itemprop=\"datePublished\" content=\"2024-03-09T17:44:19+02:00\">09\/03\/2024<\/time>\n\t\t<meta itemprop=\"dateModified\" class=\"date updated\" content=\"2024-10-14T11:40:36+02:00\">\n\t\t<span class=\"hide\" itemprop=\"publisher\" itemscope itemtype=\"https:\/\/schema.org\/Organization\">\n\t\t\t<meta itemprop=\"name\" content=\"SocialistesdMca\">\n\t\t\t<span itemprop=\"logo\" itemscope itemtype=\"https:\/\/schema.org\/ImageObject\">\n\t\t\t\t<meta itemprop=\"url\" content=\"https:\/\/www.psib-psoe.org\/mallorca\/wp-content\/themes\/notio-wp\/assets\/img\/logo.png\">\n\t\t\t<\/span>\n\t\t\t<meta itemprop=\"url\" content=\"https:\/\/www.psib-psoe.org\/mallorca\/\">\n\t\t<\/span>\n\t\t\t\t<span class=\"hide\" itemprop=\"image\" itemscope itemtype=\"http:\/\/schema.org\/ImageObject\">\n\t\t\t<meta itemprop=\"url\" content=\"https:\/\/www.psib-psoe.org\/mallorca\/wp-content\/uploads\/Maria-Plaza-grup-1.jpeg\">\n\t\t\t<meta itemprop=\"width\" content=\"1600\">\n\t\t\t<meta itemprop=\"height\" content=\"1066\">\n\t\t<\/span>\n\t\t\t\t<meta itemscope itemprop=\"mainEntityOfPage\" itemtype=\"https:\/\/schema.org\/WebPage\" itemid=\"https:\/\/www.psib-psoe.org\/mallorca\/lactivista-feminista-antonia-matamalas-i-la-politica-lupe-pulido-distingides-amb-el-premi-maria-plaza-dels-socialistes-de-mallorca\/\">\n\t<\/aside>\n\t\t<\/article>\n<\/div>\n<div class=\"small-12 large-4 columns\">\n\t<article itemscope itemtype=\"http:\/\/schema.org\/Article\" class=\"post blog-style7 alt post-28371 type-post status-publish format-standard has-post-thumbnail hentry category-consell-de-mallorca category-federacio-de-mallorca category-federacio-de-mallorca-portada category-portada tag-catalina-cladera tag-consell-de-mallorca tag-javier-de-juan tag-memoria-democratica tag-psib-psoe\" role=\"article\">\n\t\t<figure class=\"post-gallery\"><img loading=\"lazy\" decoding=\"async\" width=\"600\" height=\"400\" src=\"https:\/\/www.psib-psoe.org\/mallorca\/wp-content\/uploads\/WhatsApp-Image-2024-03-07-at-12.52.24-600x400.jpeg\" class=\"attachment-notio-general-x2 size-notio-general-x2 wp-post-image\" alt=\"\" srcset=\"https:\/\/www.psib-psoe.org\/mallorca\/wp-content\/uploads\/WhatsApp-Image-2024-03-07-at-12.52.24-600x400.jpeg 600w, https:\/\/www.psib-psoe.org\/mallorca\/wp-content\/uploads\/WhatsApp-Image-2024-03-07-at-12.52.24-300x200.jpeg 300w, https:\/\/www.psib-psoe.org\/mallorca\/wp-content\/uploads\/WhatsApp-Image-2024-03-07-at-12.52.24-900x600.jpeg 900w, https:\/\/www.psib-psoe.org\/mallorca\/wp-content\/uploads\/WhatsApp-Image-2024-03-07-at-12.52.24-20x13.jpeg 20w\" sizes=\"(max-width: 600px) 100vw, 600px\" \/><\/figure>\n\t\t<div class=\"blog-top\">\n\t\t\t<header class=\"post-title entry-header\">\n\t\t\t\t<aside class=\"post-meta cf\">\n\t\t07\/03\/2024 \/ <a href=\"https:\/\/www.psib-psoe.org\/mallorca\/category\/consell-de-mallorca\/\" rel=\"category tag\">Consell de Mallorca<\/a>, <a href=\"https:\/\/www.psib-psoe.org\/mallorca\/category\/federacio-de-mallorca\/\" rel=\"category tag\">Federaci\u00f3 de Mallorca<\/a>, <a href=\"https:\/\/www.psib-psoe.org\/mallorca\/category\/federacio-de-mallorca-portada\/\" rel=\"category tag\">Federaci\u00f3 de Mallorca - Portada<\/a>, <a href=\"https:\/\/www.psib-psoe.org\/mallorca\/category\/portada\/\" rel=\"category tag\">Portada<\/a><\/aside>\n\t\t\t\t<h3 itemprop=\"headline\"><a href=\"https:\/\/www.psib-psoe.org\/mallorca\/els-socialistes-insten-al-consell-de-mallorca-a-que-ppvox-es-comprometi-a-mantenir-i-complir-la-llei-de-memoria-democratica\/\" title=\"Els Socialistes insten al Consell de Mallorca a qu\u00e8 PPVOX es comprometi a mantenir i complir la Llei de Mem\u00f2ria Democr\u00e0tica\">Els Socialistes insten al Consell de Mallorca a qu\u00e8 PPVOX es comprometi a mantenir i complir la Llei de Mem\u00f2ria Democr\u00e0tica<\/a><\/h3>\n\t\t\t<\/header>\n\t\t<\/div>\n\t\t<div class=\"post-content\">\n\t\t\t<a href=\"https:\/\/www.psib-psoe.org\/mallorca\/els-socialistes-insten-al-consell-de-mallorca-a-que-ppvox-es-comprometi-a-mantenir-i-complir-la-llei-de-memoria-democratica\/\" class=\"more-link\">Read More<\/a>\n\t\t<\/div>\n\t\t\t<aside class=\"post-bottom-meta hide\">\n\t\t<strong rel=\"author\" itemprop=\"author\" class=\"author vcard\"><span class=\"fn\">Albert<\/span><\/strong>\n\t\t<time class=\"date published time\" datetime=\"2024-03-07T13:56:40+02:00\" itemprop=\"datePublished\" content=\"2024-03-07T13:56:40+02:00\">07\/03\/2024<\/time>\n\t\t<meta itemprop=\"dateModified\" class=\"date updated\" content=\"2024-10-14T11:40:36+02:00\">\n\t\t<span class=\"hide\" itemprop=\"publisher\" itemscope itemtype=\"https:\/\/schema.org\/Organization\">\n\t\t\t<meta itemprop=\"name\" content=\"SocialistesdMca\">\n\t\t\t<span itemprop=\"logo\" itemscope itemtype=\"https:\/\/schema.org\/ImageObject\">\n\t\t\t\t<meta itemprop=\"url\" content=\"https:\/\/www.psib-psoe.org\/mallorca\/wp-content\/themes\/notio-wp\/assets\/img\/logo.png\">\n\t\t\t<\/span>\n\t\t\t<meta itemprop=\"url\" content=\"https:\/\/www.psib-psoe.org\/mallorca\/\">\n\t\t<\/span>\n\t\t\t\t<span class=\"hide\" itemprop=\"image\" itemscope itemtype=\"http:\/\/schema.org\/ImageObject\">\n\t\t\t<meta itemprop=\"url\" content=\"https:\/\/www.psib-psoe.org\/mallorca\/wp-content\/uploads\/WhatsApp-Image-2024-03-07-at-12.52.24.jpeg\">\n\t\t\t<meta itemprop=\"width\" content=\"1600\">\n\t\t\t<meta itemprop=\"height\" content=\"1200\">\n\t\t<\/span>\n\t\t\t\t<meta itemscope itemprop=\"mainEntityOfPage\" itemtype=\"https:\/\/schema.org\/WebPage\" itemid=\"https:\/\/www.psib-psoe.org\/mallorca\/els-socialistes-insten-al-consell-de-mallorca-a-que-ppvox-es-comprometi-a-mantenir-i-complir-la-llei-de-memoria-democratica\/\">\n\t<\/aside>\n\t\t<\/article>\n<\/div>\n<div class=\"small-12 large-4 columns\">\n\t<article itemscope itemtype=\"http:\/\/schema.org\/Article\" class=\"post blog-style7 alt post-28368 type-post status-publish format-standard has-post-thumbnail hentry category-consell-de-mallorca category-federacio-de-mallorca tag-consell-de-mallorca tag-imas tag-javier-de-juan tag-psib-psoe\" role=\"article\">\n\t\t<figure class=\"post-gallery\"><img loading=\"lazy\" decoding=\"async\" width=\"600\" height=\"400\" src=\"https:\/\/www.psib-psoe.org\/mallorca\/wp-content\/uploads\/psib-psoe-NEGATIU-vermell-600x400.png\" class=\"attachment-notio-general-x2 size-notio-general-x2 wp-post-image\" alt=\"\" srcset=\"https:\/\/www.psib-psoe.org\/mallorca\/wp-content\/uploads\/psib-psoe-NEGATIU-vermell-600x400.png 600w, https:\/\/www.psib-psoe.org\/mallorca\/wp-content\/uploads\/psib-psoe-NEGATIU-vermell-300x200.png 300w, https:\/\/www.psib-psoe.org\/mallorca\/wp-content\/uploads\/psib-psoe-NEGATIU-vermell-20x13.png 20w\" sizes=\"(max-width: 600px) 100vw, 600px\" \/><\/figure>\n\t\t<div class=\"blog-top\">\n\t\t\t<header class=\"post-title entry-header\">\n\t\t\t\t<aside class=\"post-meta cf\">\n\t\t29\/02\/2024 \/ <a href=\"https:\/\/www.psib-psoe.org\/mallorca\/category\/consell-de-mallorca\/\" rel=\"category tag\">Consell de Mallorca<\/a>, <a href=\"https:\/\/www.psib-psoe.org\/mallorca\/category\/federacio-de-mallorca\/\" rel=\"category tag\">Federaci\u00f3 de Mallorca<\/a><\/aside>\n\t\t\t\t<h3 itemprop=\"headline\"><a href=\"https:\/\/www.psib-psoe.org\/mallorca\/els-socialistes-denuncien-la-irresponsable-actitud-de-vox-utilitzant-un-cop-mes-els-menors-tutelats-de-mallorca-per-a-les-seves-finalitats-politiques\/\" title=\"Els Socialistes denuncien la irresponsable actitud de VOX utilitzant un cop m\u00e9s els menors tutelats de Mallorca per a les seves finalitats pol\u00edtiques\">Els Socialistes denuncien la irresponsable actitud de VOX utilitzant un cop m\u00e9s els menors tutelats de Mallorca per a les seves finalitats pol\u00edtiques<\/a><\/h3>\n\t\t\t<\/header>\n\t\t<\/div>\n\t\t<div class=\"post-content\">\n\t\t\t<a href=\"https:\/\/www.psib-psoe.org\/mallorca\/els-socialistes-denuncien-la-irresponsable-actitud-de-vox-utilitzant-un-cop-mes-els-menors-tutelats-de-mallorca-per-a-les-seves-finalitats-politiques\/\" class=\"more-link\">Read More<\/a>\n\t\t<\/div>\n\t\t\t<aside class=\"post-bottom-meta hide\">\n\t\t<strong rel=\"author\" itemprop=\"author\" class=\"author vcard\"><span class=\"fn\">Albert<\/span><\/strong>\n\t\t<time class=\"date published time\" datetime=\"2024-02-29T17:31:52+02:00\" itemprop=\"datePublished\" content=\"2024-02-29T17:31:52+02:00\">29\/02\/2024<\/time>\n\t\t<meta itemprop=\"dateModified\" class=\"date updated\" content=\"2024-10-14T11:40:36+02:00\">\n\t\t<span class=\"hide\" itemprop=\"publisher\" itemscope itemtype=\"https:\/\/schema.org\/Organization\">\n\t\t\t<meta itemprop=\"name\" content=\"SocialistesdMca\">\n\t\t\t<span itemprop=\"logo\" itemscope itemtype=\"https:\/\/schema.org\/ImageObject\">\n\t\t\t\t<meta itemprop=\"url\" content=\"https:\/\/www.psib-psoe.org\/mallorca\/wp-content\/themes\/notio-wp\/assets\/img\/logo.png\">\n\t\t\t<\/span>\n\t\t\t<meta itemprop=\"url\" content=\"https:\/\/www.psib-psoe.org\/mallorca\/\">\n\t\t<\/span>\n\t\t\t\t<span class=\"hide\" itemprop=\"image\" itemscope itemtype=\"http:\/\/schema.org\/ImageObject\">\n\t\t\t<meta itemprop=\"url\" content=\"https:\/\/www.psib-psoe.org\/mallorca\/wp-content\/uploads\/psib-psoe-NEGATIU-vermell.png\">\n\t\t\t<meta itemprop=\"width\" content=\"750\">\n\t\t\t<meta itemprop=\"height\" content=\"749\">\n\t\t<\/span>\n\t\t\t\t<meta itemscope itemprop=\"mainEntityOfPage\" itemtype=\"https:\/\/schema.org\/WebPage\" itemid=\"https:\/\/www.psib-psoe.org\/mallorca\/els-socialistes-denuncien-la-irresponsable-actitud-de-vox-utilitzant-un-cop-mes-els-menors-tutelats-de-mallorca-per-a-les-seves-finalitats-politiques\/\">\n\t<\/aside>\n\t\t<\/article>\n<\/div>\n<div class=\"small-12 large-4 columns\">\n\t<article itemscope itemtype=\"http:\/\/schema.org\/Article\" class=\"post blog-style7 alt post-28359 type-post status-publish format-standard has-post-thumbnail hentry category-consell-de-mallorca category-federacio-de-mallorca category-federacio-de-mallorca-portada category-municipis category-portada tag-catalina-cladera tag-comissio-durbanisme tag-consell-de-mallorca tag-psib-psoe tag-rafel-aulet tag-socialistes-de-maria\" role=\"article\">\n\t\t<figure class=\"post-gallery\"><img loading=\"lazy\" decoding=\"async\" width=\"600\" height=\"400\" src=\"https:\/\/www.psib-psoe.org\/mallorca\/wp-content\/uploads\/Maria-de-la-Salut-PSIB-600x400.jpg\" class=\"attachment-notio-general-x2 size-notio-general-x2 wp-post-image\" alt=\"\" srcset=\"https:\/\/www.psib-psoe.org\/mallorca\/wp-content\/uploads\/Maria-de-la-Salut-PSIB-600x400.jpg 600w, https:\/\/www.psib-psoe.org\/mallorca\/wp-content\/uploads\/Maria-de-la-Salut-PSIB-300x200.jpg 300w, https:\/\/www.psib-psoe.org\/mallorca\/wp-content\/uploads\/Maria-de-la-Salut-PSIB-900x600.jpg 900w, https:\/\/www.psib-psoe.org\/mallorca\/wp-content\/uploads\/Maria-de-la-Salut-PSIB-20x13.jpg 20w\" sizes=\"(max-width: 600px) 100vw, 600px\" \/><\/figure>\n\t\t<div class=\"blog-top\">\n\t\t\t<header class=\"post-title entry-header\">\n\t\t\t\t<aside class=\"post-meta cf\">\n\t\t23\/02\/2024 \/ <a href=\"https:\/\/www.psib-psoe.org\/mallorca\/category\/consell-de-mallorca\/\" rel=\"category tag\">Consell de Mallorca<\/a>, <a href=\"https:\/\/www.psib-psoe.org\/mallorca\/category\/federacio-de-mallorca\/\" rel=\"category tag\">Federaci\u00f3 de Mallorca<\/a>, <a href=\"https:\/\/www.psib-psoe.org\/mallorca\/category\/federacio-de-mallorca-portada\/\" rel=\"category tag\">Federaci\u00f3 de Mallorca - Portada<\/a>, <a href=\"https:\/\/www.psib-psoe.org\/mallorca\/category\/municipis\/\" rel=\"category tag\">Municipis<\/a>, <a href=\"https:\/\/www.psib-psoe.org\/mallorca\/category\/portada\/\" rel=\"category tag\">Portada<\/a><\/aside>\n\t\t\t\t<h3 itemprop=\"headline\"><a href=\"https:\/\/www.psib-psoe.org\/mallorca\/els-socialistes-de-maria-es-desmarquen-del-projecte-de-nou-pla-general-del-municipi-perque-presenta-moltes-deficiencies-i-aposten-per-una-nova-redaccio-amb-el-consens-dels-ciutadans\/\" title=\"Els Socialistes de Maria es desmarquen del projecte de nou Pla General del municipi perqu\u00e8 presenta &#8220;moltes defici\u00e8ncies&#8221;, i aposten per una nova redacci\u00f3 amb el consens dels ciutadans.\">Els Socialistes de Maria es desmarquen del projecte de nou Pla General del municipi perqu\u00e8 presenta &#8220;moltes defici\u00e8ncies&#8221;, i aposten per una nova redacci\u00f3 amb el consens dels ciutadans.<\/a><\/h3>\n\t\t\t<\/header>\n\t\t<\/div>\n\t\t<div class=\"post-content\">\n\t\t\t<a href=\"https:\/\/www.psib-psoe.org\/mallorca\/els-socialistes-de-maria-es-desmarquen-del-projecte-de-nou-pla-general-del-municipi-perque-presenta-moltes-deficiencies-i-aposten-per-una-nova-redaccio-amb-el-consens-dels-ciutadans\/\" class=\"more-link\">Read More<\/a>\n\t\t<\/div>\n\t\t\t<aside class=\"post-bottom-meta hide\">\n\t\t<strong rel=\"author\" itemprop=\"author\" class=\"author vcard\"><span class=\"fn\">Albert<\/span><\/strong>\n\t\t<time class=\"date published time\" datetime=\"2024-02-23T17:38:54+02:00\" itemprop=\"datePublished\" content=\"2024-02-23T17:38:54+02:00\">23\/02\/2024<\/time>\n\t\t<meta itemprop=\"dateModified\" class=\"date updated\" content=\"2024-10-14T11:40:36+02:00\">\n\t\t<span class=\"hide\" itemprop=\"publisher\" itemscope itemtype=\"https:\/\/schema.org\/Organization\">\n\t\t\t<meta itemprop=\"name\" content=\"SocialistesdMca\">\n\t\t\t<span itemprop=\"logo\" itemscope itemtype=\"https:\/\/schema.org\/ImageObject\">\n\t\t\t\t<meta itemprop=\"url\" content=\"https:\/\/www.psib-psoe.org\/mallorca\/wp-content\/themes\/notio-wp\/assets\/img\/logo.png\">\n\t\t\t<\/span>\n\t\t\t<meta itemprop=\"url\" content=\"https:\/\/www.psib-psoe.org\/mallorca\/\">\n\t\t<\/span>\n\t\t\t\t<span class=\"hide\" itemprop=\"image\" itemscope itemtype=\"http:\/\/schema.org\/ImageObject\">\n\t\t\t<meta itemprop=\"url\" content=\"https:\/\/www.psib-psoe.org\/mallorca\/wp-content\/uploads\/Maria-de-la-Salut-PSIB.jpg\">\n\t\t\t<meta itemprop=\"width\" content=\"1280\">\n\t\t\t<meta itemprop=\"height\" content=\"960\">\n\t\t<\/span>\n\t\t\t\t<meta itemscope itemprop=\"mainEntityOfPage\" itemtype=\"https:\/\/schema.org\/WebPage\" itemid=\"https:\/\/www.psib-psoe.org\/mallorca\/els-socialistes-de-maria-es-desmarquen-del-projecte-de-nou-pla-general-del-municipi-perque-presenta-moltes-deficiencies-i-aposten-per-una-nova-redaccio-amb-el-consens-dels-ciutadans\/\">\n\t<\/aside>\n\t\t<\/article>\n<\/div>\n<div class=\"small-12 large-4 columns\">\n\t<article itemscope itemtype=\"http:\/\/schema.org\/Article\" class=\"post blog-style7 alt post-28357 type-post status-publish format-standard has-post-thumbnail hentry category-consell-de-mallorca category-federacio-de-mallorca category-federacio-de-mallorca-portada category-municipis category-portada tag-agrupacio-socialista-marratxi tag-catalina-cladera tag-comissio-durbanisme tag-consell-de-mallorca tag-miquel-cabot tag-psib-psoe\" role=\"article\">\n\t\t<figure class=\"post-gallery\"><img loading=\"lazy\" decoding=\"async\" width=\"600\" height=\"400\" src=\"https:\/\/www.psib-psoe.org\/mallorca\/wp-content\/uploads\/Disseny-sense-ti\u0301tol-5-600x400.jpg\" class=\"attachment-notio-general-x2 size-notio-general-x2 wp-post-image\" alt=\"\" srcset=\"https:\/\/www.psib-psoe.org\/mallorca\/wp-content\/uploads\/Disseny-sense-ti\u0301tol-5-600x400.jpg 600w, https:\/\/www.psib-psoe.org\/mallorca\/wp-content\/uploads\/Disseny-sense-ti\u0301tol-5-300x200.jpg 300w, https:\/\/www.psib-psoe.org\/mallorca\/wp-content\/uploads\/Disseny-sense-ti\u0301tol-5-900x600.jpg 900w, https:\/\/www.psib-psoe.org\/mallorca\/wp-content\/uploads\/Disseny-sense-ti\u0301tol-5-20x13.jpg 20w\" sizes=\"(max-width: 600px) 100vw, 600px\" \/><\/figure>\n\t\t<div class=\"blog-top\">\n\t\t\t<header class=\"post-title entry-header\">\n\t\t\t\t<aside class=\"post-meta cf\">\n\t\t23\/02\/2024 \/ <a href=\"https:\/\/www.psib-psoe.org\/mallorca\/category\/consell-de-mallorca\/\" rel=\"category tag\">Consell de Mallorca<\/a>, <a href=\"https:\/\/www.psib-psoe.org\/mallorca\/category\/federacio-de-mallorca\/\" rel=\"category tag\">Federaci\u00f3 de Mallorca<\/a>, <a href=\"https:\/\/www.psib-psoe.org\/mallorca\/category\/federacio-de-mallorca-portada\/\" rel=\"category tag\">Federaci\u00f3 de Mallorca - Portada<\/a>, <a href=\"https:\/\/www.psib-psoe.org\/mallorca\/category\/municipis\/\" rel=\"category tag\">Municipis<\/a>, <a href=\"https:\/\/www.psib-psoe.org\/mallorca\/category\/portada\/\" rel=\"category tag\">Portada<\/a><\/aside>\n\t\t\t\t<h3 itemprop=\"headline\"><a href=\"https:\/\/www.psib-psoe.org\/mallorca\/els-socialistes-soposen-a-la-implantacio-dun-megaparc-solar-a-les-finques-de-son-salas-de-marratxi-que-el-consell-aprova-amb-els-vots-favorables-de-ppvox\/\" title=\"Els Socialistes s&#8217;oposen a la implantaci\u00f3 d&#8217;un &#8216;megaparc&#8217; solar a les finques de Son Salas de Marratx\u00ed, que el Consell aprova amb els vots favorables de PPVOX.\">Els Socialistes s&#8217;oposen a la implantaci\u00f3 d&#8217;un &#8216;megaparc&#8217; solar a les finques de Son Salas de Marratx\u00ed, que el Consell aprova amb els vots favorables de PPVOX.<\/a><\/h3>\n\t\t\t<\/header>\n\t\t<\/div>\n\t\t<div class=\"post-content\">\n\t\t\t<a href=\"https:\/\/www.psib-psoe.org\/mallorca\/els-socialistes-soposen-a-la-implantacio-dun-megaparc-solar-a-les-finques-de-son-salas-de-marratxi-que-el-consell-aprova-amb-els-vots-favorables-de-ppvox\/\" class=\"more-link\">Read More<\/a>\n\t\t<\/div>\n\t\t\t<aside class=\"post-bottom-meta hide\">\n\t\t<strong rel=\"author\" itemprop=\"author\" class=\"author vcard\"><span class=\"fn\">Albert<\/span><\/strong>\n\t\t<time class=\"date published time\" datetime=\"2024-02-23T15:43:04+02:00\" itemprop=\"datePublished\" content=\"2024-02-23T15:43:04+02:00\">23\/02\/2024<\/time>\n\t\t<meta itemprop=\"dateModified\" class=\"date updated\" content=\"2024-10-14T11:40:36+02:00\">\n\t\t<span class=\"hide\" itemprop=\"publisher\" itemscope itemtype=\"https:\/\/schema.org\/Organization\">\n\t\t\t<meta itemprop=\"name\" content=\"SocialistesdMca\">\n\t\t\t<span itemprop=\"logo\" itemscope itemtype=\"https:\/\/schema.org\/ImageObject\">\n\t\t\t\t<meta itemprop=\"url\" content=\"https:\/\/www.psib-psoe.org\/mallorca\/wp-content\/themes\/notio-wp\/assets\/img\/logo.png\">\n\t\t\t<\/span>\n\t\t\t<meta itemprop=\"url\" content=\"https:\/\/www.psib-psoe.org\/mallorca\/\">\n\t\t<\/span>\n\t\t\t\t<span class=\"hide\" itemprop=\"image\" itemscope itemtype=\"http:\/\/schema.org\/ImageObject\">\n\t\t\t<meta itemprop=\"url\" content=\"https:\/\/www.psib-psoe.org\/mallorca\/wp-content\/uploads\/Disseny-sense-ti\u0301tol-5.jpg\">\n\t\t\t<meta itemprop=\"width\" content=\"1920\">\n\t\t\t<meta itemprop=\"height\" content=\"1080\">\n\t\t<\/span>\n\t\t\t\t<meta itemscope itemprop=\"mainEntityOfPage\" itemtype=\"https:\/\/schema.org\/WebPage\" itemid=\"https:\/\/www.psib-psoe.org\/mallorca\/els-socialistes-soposen-a-la-implantacio-dun-megaparc-solar-a-les-finques-de-son-salas-de-marratxi-que-el-consell-aprova-amb-els-vots-favorables-de-ppvox\/\">\n\t<\/aside>\n\t\t<\/article>\n<\/div>\n<div class=\"small-12 large-4 columns\">\n\t<article itemscope itemtype=\"http:\/\/schema.org\/Article\" class=\"post blog-style7 alt post-28345 type-post status-publish format-standard has-post-thumbnail hentry category-federacio-de-mallorca category-federacio-de-mallorca-portada category-portada tag-catalina-cladera tag-iago-negueruela tag-inca tag-psib-psoe tag-recupera-el-futur tag-virgilio-moreno\" role=\"article\">\n\t\t<figure class=\"post-gallery\"><img loading=\"lazy\" decoding=\"async\" width=\"600\" height=\"400\" src=\"https:\/\/www.psib-psoe.org\/mallorca\/wp-content\/uploads\/Recupera-el-Futur-Inca-2-600x400.jpg\" class=\"attachment-notio-general-x2 size-notio-general-x2 wp-post-image\" alt=\"\" srcset=\"https:\/\/www.psib-psoe.org\/mallorca\/wp-content\/uploads\/Recupera-el-Futur-Inca-2-600x400.jpg 600w, https:\/\/www.psib-psoe.org\/mallorca\/wp-content\/uploads\/Recupera-el-Futur-Inca-2-300x200.jpg 300w, https:\/\/www.psib-psoe.org\/mallorca\/wp-content\/uploads\/Recupera-el-Futur-Inca-2-768x513.jpg 768w, https:\/\/www.psib-psoe.org\/mallorca\/wp-content\/uploads\/Recupera-el-Futur-Inca-2-1024x684.jpg 1024w, https:\/\/www.psib-psoe.org\/mallorca\/wp-content\/uploads\/Recupera-el-Futur-Inca-2-150x100.jpg 150w, https:\/\/www.psib-psoe.org\/mallorca\/wp-content\/uploads\/Recupera-el-Futur-Inca-2-900x600.jpg 900w, https:\/\/www.psib-psoe.org\/mallorca\/wp-content\/uploads\/Recupera-el-Futur-Inca-2-20x13.jpg 20w, https:\/\/www.psib-psoe.org\/mallorca\/wp-content\/uploads\/Recupera-el-Futur-Inca-2.jpg 1616w\" sizes=\"(max-width: 600px) 100vw, 600px\" \/><\/figure>\n\t\t<div class=\"blog-top\">\n\t\t\t<header class=\"post-title entry-header\">\n\t\t\t\t<aside class=\"post-meta cf\">\n\t\t23\/02\/2024 \/ <a href=\"https:\/\/www.psib-psoe.org\/mallorca\/category\/federacio-de-mallorca\/\" rel=\"category tag\">Federaci\u00f3 de Mallorca<\/a>, <a href=\"https:\/\/www.psib-psoe.org\/mallorca\/category\/federacio-de-mallorca-portada\/\" rel=\"category tag\">Federaci\u00f3 de Mallorca - Portada<\/a>, <a href=\"https:\/\/www.psib-psoe.org\/mallorca\/category\/portada\/\" rel=\"category tag\">Portada<\/a><\/aside>\n\t\t\t\t<h3 itemprop=\"headline\"><a href=\"https:\/\/www.psib-psoe.org\/mallorca\/el-psib-psoe-celebra-a-inca-la-segona-jornada-de-la-campanya-recupera-el-futur\/\" title=\"El PSIB-PSOE celebra a Inca la segona jornada de la campanya \u2018Recupera el Futur\u2019\">El PSIB-PSOE celebra a Inca la segona jornada de la campanya \u2018Recupera el Futur\u2019<\/a><\/h3>\n\t\t\t<\/header>\n\t\t<\/div>\n\t\t<div class=\"post-content\">\n\t\t\t<a href=\"https:\/\/www.psib-psoe.org\/mallorca\/el-psib-psoe-celebra-a-inca-la-segona-jornada-de-la-campanya-recupera-el-futur\/\" class=\"more-link\">Read More<\/a>\n\t\t<\/div>\n\t\t\t<aside class=\"post-bottom-meta hide\">\n\t\t<strong rel=\"author\" itemprop=\"author\" class=\"author vcard\"><span class=\"fn\">Socialistes de Mallorca<\/span><\/strong>\n\t\t<time class=\"date published time\" datetime=\"2024-02-23T11:21:03+02:00\" itemprop=\"datePublished\" content=\"2024-02-23T11:21:03+02:00\">23\/02\/2024<\/time>\n\t\t<meta itemprop=\"dateModified\" class=\"date updated\" content=\"2024-10-14T11:40:36+02:00\">\n\t\t<span class=\"hide\" itemprop=\"publisher\" itemscope itemtype=\"https:\/\/schema.org\/Organization\">\n\t\t\t<meta itemprop=\"name\" content=\"SocialistesdMca\">\n\t\t\t<span itemprop=\"logo\" itemscope itemtype=\"https:\/\/schema.org\/ImageObject\">\n\t\t\t\t<meta itemprop=\"url\" content=\"https:\/\/www.psib-psoe.org\/mallorca\/wp-content\/themes\/notio-wp\/assets\/img\/logo.png\">\n\t\t\t<\/span>\n\t\t\t<meta itemprop=\"url\" content=\"https:\/\/www.psib-psoe.org\/mallorca\/\">\n\t\t<\/span>\n\t\t\t\t<span class=\"hide\" itemprop=\"image\" itemscope itemtype=\"http:\/\/schema.org\/ImageObject\">\n\t\t\t<meta itemprop=\"url\" content=\"https:\/\/www.psib-psoe.org\/mallorca\/wp-content\/uploads\/Recupera-el-Futur-Inca-2.jpg\">\n\t\t\t<meta itemprop=\"width\" content=\"1616\">\n\t\t\t<meta itemprop=\"height\" content=\"1080\">\n\t\t<\/span>\n\t\t\t\t<meta itemscope itemprop=\"mainEntityOfPage\" itemtype=\"https:\/\/schema.org\/WebPage\" itemid=\"https:\/\/www.psib-psoe.org\/mallorca\/el-psib-psoe-celebra-a-inca-la-segona-jornada-de-la-campanya-recupera-el-futur\/\">\n\t<\/aside>\n\t\t<\/article>\n<\/div>\n<div class=\"small-12 large-4 columns\">\n\t<article itemscope itemtype=\"http:\/\/schema.org\/Article\" class=\"post blog-style7 alt post-28342 type-post status-publish format-standard has-post-thumbnail hentry category-consell-de-mallorca category-federacio-de-mallorca category-federacio-de-mallorca-portada category-municipis category-portada tag-agrupacio-socialista-marratxi tag-catalina-cladera tag-consell-de-mallorca tag-marc-pons tag-miquel-cabot tag-parlament tag-psib-psoe tag-recupera-el-futur\" role=\"article\">\n\t\t<figure class=\"post-gallery\"><img loading=\"lazy\" decoding=\"async\" width=\"600\" height=\"400\" src=\"https:\/\/www.psib-psoe.org\/mallorca\/wp-content\/uploads\/Marratx\u00ed-2-600x400.jpeg\" class=\"attachment-notio-general-x2 size-notio-general-x2 wp-post-image\" alt=\"\" srcset=\"https:\/\/www.psib-psoe.org\/mallorca\/wp-content\/uploads\/Marratx\u00ed-2-600x400.jpeg 600w, https:\/\/www.psib-psoe.org\/mallorca\/wp-content\/uploads\/Marratx\u00ed-2-300x200.jpeg 300w, https:\/\/www.psib-psoe.org\/mallorca\/wp-content\/uploads\/Marratx\u00ed-2-768x513.jpeg 768w, https:\/\/www.psib-psoe.org\/mallorca\/wp-content\/uploads\/Marratx\u00ed-2-1024x684.jpeg 1024w, https:\/\/www.psib-psoe.org\/mallorca\/wp-content\/uploads\/Marratx\u00ed-2-150x100.jpeg 150w, https:\/\/www.psib-psoe.org\/mallorca\/wp-content\/uploads\/Marratx\u00ed-2-900x600.jpeg 900w, https:\/\/www.psib-psoe.org\/mallorca\/wp-content\/uploads\/Marratx\u00ed-2-20x13.jpeg 20w, https:\/\/www.psib-psoe.org\/mallorca\/wp-content\/uploads\/Marratx\u00ed-2.jpeg 1600w\" sizes=\"(max-width: 600px) 100vw, 600px\" \/><\/figure>\n\t\t<div class=\"blog-top\">\n\t\t\t<header class=\"post-title entry-header\">\n\t\t\t\t<aside class=\"post-meta cf\">\n\t\t22\/02\/2024 \/ <a href=\"https:\/\/www.psib-psoe.org\/mallorca\/category\/consell-de-mallorca\/\" rel=\"category tag\">Consell de Mallorca<\/a>, <a href=\"https:\/\/www.psib-psoe.org\/mallorca\/category\/federacio-de-mallorca\/\" rel=\"category tag\">Federaci\u00f3 de Mallorca<\/a>, <a href=\"https:\/\/www.psib-psoe.org\/mallorca\/category\/federacio-de-mallorca-portada\/\" rel=\"category tag\">Federaci\u00f3 de Mallorca - Portada<\/a>, <a href=\"https:\/\/www.psib-psoe.org\/mallorca\/category\/municipis\/\" rel=\"category tag\">Municipis<\/a>, <a href=\"https:\/\/www.psib-psoe.org\/mallorca\/category\/portada\/\" rel=\"category tag\">Portada<\/a><\/aside>\n\t\t\t\t<h3 itemprop=\"headline\"><a href=\"https:\/\/www.psib-psoe.org\/mallorca\/els-socialistes-de-mallorca-enceten-a-marratxi-el-primer-acte-de-recupera-el-futur\/\" title=\"Els Socialistes de Mallorca enceten a Marratx\u00ed el primer acte de &#8220;Recupera el futur&#8221;\">Els Socialistes de Mallorca enceten a Marratx\u00ed el primer acte de &#8220;Recupera el futur&#8221;<\/a><\/h3>\n\t\t\t<\/header>\n\t\t<\/div>\n\t\t<div class=\"post-content\">\n\t\t\t<a href=\"https:\/\/www.psib-psoe.org\/mallorca\/els-socialistes-de-mallorca-enceten-a-marratxi-el-primer-acte-de-recupera-el-futur\/\" class=\"more-link\">Read More<\/a>\n\t\t<\/div>\n\t\t\t<aside class=\"post-bottom-meta hide\">\n\t\t<strong rel=\"author\" itemprop=\"author\" class=\"author vcard\"><span class=\"fn\">Albert<\/span><\/strong>\n\t\t<time class=\"date published time\" datetime=\"2024-02-22T11:36:30+02:00\" itemprop=\"datePublished\" content=\"2024-02-22T11:36:30+02:00\">22\/02\/2024<\/time>\n\t\t<meta itemprop=\"dateModified\" class=\"date updated\" content=\"2024-10-14T11:40:36+02:00\">\n\t\t<span class=\"hide\" itemprop=\"publisher\" itemscope itemtype=\"https:\/\/schema.org\/Organization\">\n\t\t\t<meta itemprop=\"name\" content=\"SocialistesdMca\">\n\t\t\t<span itemprop=\"logo\" itemscope itemtype=\"https:\/\/schema.org\/ImageObject\">\n\t\t\t\t<meta itemprop=\"url\" content=\"https:\/\/www.psib-psoe.org\/mallorca\/wp-content\/themes\/notio-wp\/assets\/img\/logo.png\">\n\t\t\t<\/span>\n\t\t\t<meta itemprop=\"url\" content=\"https:\/\/www.psib-psoe.org\/mallorca\/\">\n\t\t<\/span>\n\t\t\t\t<span class=\"hide\" itemprop=\"image\" itemscope itemtype=\"http:\/\/schema.org\/ImageObject\">\n\t\t\t<meta itemprop=\"url\" content=\"https:\/\/www.psib-psoe.org\/mallorca\/wp-content\/uploads\/Marratx\u00ed-2.jpeg\">\n\t\t\t<meta itemprop=\"width\" content=\"1600\">\n\t\t\t<meta itemprop=\"height\" content=\"1069\">\n\t\t<\/span>\n\t\t\t\t<meta itemscope itemprop=\"mainEntityOfPage\" itemtype=\"https:\/\/schema.org\/WebPage\" itemid=\"https:\/\/www.psib-psoe.org\/mallorca\/els-socialistes-de-mallorca-enceten-a-marratxi-el-primer-acte-de-recupera-el-futur\/\">\n\t<\/aside>\n\t\t<\/article>\n<\/div>\n<div class=\"small-12 large-4 columns\">\n\t<article itemscope itemtype=\"http:\/\/schema.org\/Article\" class=\"post blog-style7 alt post-28338 type-post status-publish format-standard has-post-thumbnail hentry category-consell-de-mallorca category-federacio-de-mallorca category-federacio-de-mallorca-portada category-municipis category-portada tag-imas tag-psib-psoe tag-sofia-alonso\" role=\"article\">\n\t\t<figure class=\"post-gallery\"><img loading=\"lazy\" decoding=\"async\" width=\"600\" height=\"400\" src=\"https:\/\/www.psib-psoe.org\/mallorca\/wp-content\/uploads\/Alonso-CR-IMAS-200224-600x400.jpeg\" class=\"attachment-notio-general-x2 size-notio-general-x2 wp-post-image\" alt=\"\" srcset=\"https:\/\/www.psib-psoe.org\/mallorca\/wp-content\/uploads\/Alonso-CR-IMAS-200224-600x400.jpeg 600w, https:\/\/www.psib-psoe.org\/mallorca\/wp-content\/uploads\/Alonso-CR-IMAS-200224-300x200.jpeg 300w, https:\/\/www.psib-psoe.org\/mallorca\/wp-content\/uploads\/Alonso-CR-IMAS-200224-900x600.jpeg 900w, https:\/\/www.psib-psoe.org\/mallorca\/wp-content\/uploads\/Alonso-CR-IMAS-200224-20x13.jpeg 20w\" sizes=\"(max-width: 600px) 100vw, 600px\" \/><\/figure>\n\t\t<div class=\"blog-top\">\n\t\t\t<header class=\"post-title entry-header\">\n\t\t\t\t<aside class=\"post-meta cf\">\n\t\t20\/02\/2024 \/ <a href=\"https:\/\/www.psib-psoe.org\/mallorca\/category\/consell-de-mallorca\/\" rel=\"category tag\">Consell de Mallorca<\/a>, <a href=\"https:\/\/www.psib-psoe.org\/mallorca\/category\/federacio-de-mallorca\/\" rel=\"category tag\">Federaci\u00f3 de Mallorca<\/a>, <a href=\"https:\/\/www.psib-psoe.org\/mallorca\/category\/federacio-de-mallorca-portada\/\" rel=\"category tag\">Federaci\u00f3 de Mallorca - Portada<\/a>, <a href=\"https:\/\/www.psib-psoe.org\/mallorca\/category\/municipis\/\" rel=\"category tag\">Municipis<\/a>, <a href=\"https:\/\/www.psib-psoe.org\/mallorca\/category\/portada\/\" rel=\"category tag\">Portada<\/a><\/aside>\n\t\t\t\t<h3 itemprop=\"headline\"><a href=\"https:\/\/www.psib-psoe.org\/mallorca\/els-socialistes-manifesten-seriosos-dubtes-davant-la-constatacio-que-els-responsables-de-limas-no-apliquen-els-protocols-existents-sobre-menors-amb-mesura-de-tutela\/\" title=\"Els socialistes manifesten &#8220;seriosos dubtes&#8221; davant la constataci\u00f3 que els responsables de l&#8217;IMAS no apliquen els protocols existents sobre menors amb mesura de tutela.\">Els socialistes manifesten &#8220;seriosos dubtes&#8221; davant la constataci\u00f3 que els responsables de l&#8217;IMAS no apliquen els protocols existents sobre menors amb mesura de tutela.<\/a><\/h3>\n\t\t\t<\/header>\n\t\t<\/div>\n\t\t<div class=\"post-content\">\n\t\t\t<a href=\"https:\/\/www.psib-psoe.org\/mallorca\/els-socialistes-manifesten-seriosos-dubtes-davant-la-constatacio-que-els-responsables-de-limas-no-apliquen-els-protocols-existents-sobre-menors-amb-mesura-de-tutela\/\" class=\"more-link\">Read More<\/a>\n\t\t<\/div>\n\t\t\t<aside class=\"post-bottom-meta hide\">\n\t\t<strong rel=\"author\" itemprop=\"author\" class=\"author vcard\"><span class=\"fn\">Albert<\/span><\/strong>\n\t\t<time class=\"date published time\" datetime=\"2024-02-20T14:36:28+02:00\" itemprop=\"datePublished\" content=\"2024-02-20T14:36:28+02:00\">20\/02\/2024<\/time>\n\t\t<meta itemprop=\"dateModified\" class=\"date updated\" content=\"2024-10-14T11:40:37+02:00\">\n\t\t<span class=\"hide\" itemprop=\"publisher\" itemscope itemtype=\"https:\/\/schema.org\/Organization\">\n\t\t\t<meta itemprop=\"name\" content=\"SocialistesdMca\">\n\t\t\t<span itemprop=\"logo\" itemscope itemtype=\"https:\/\/schema.org\/ImageObject\">\n\t\t\t\t<meta itemprop=\"url\" content=\"https:\/\/www.psib-psoe.org\/mallorca\/wp-content\/themes\/notio-wp\/assets\/img\/logo.png\">\n\t\t\t<\/span>\n\t\t\t<meta itemprop=\"url\" content=\"https:\/\/www.psib-psoe.org\/mallorca\/\">\n\t\t<\/span>\n\t\t\t\t<span class=\"hide\" itemprop=\"image\" itemscope itemtype=\"http:\/\/schema.org\/ImageObject\">\n\t\t\t<meta itemprop=\"url\" content=\"https:\/\/www.psib-psoe.org\/mallorca\/wp-content\/uploads\/Alonso-CR-IMAS-200224.jpeg\">\n\t\t\t<meta itemprop=\"width\" content=\"2048\">\n\t\t\t<meta itemprop=\"height\" content=\"1536\">\n\t\t<\/span>\n\t\t\t\t<meta itemscope itemprop=\"mainEntityOfPage\" itemtype=\"https:\/\/schema.org\/WebPage\" itemid=\"https:\/\/www.psib-psoe.org\/mallorca\/els-socialistes-manifesten-seriosos-dubtes-davant-la-constatacio-que-els-responsables-de-limas-no-apliquen-els-protocols-existents-sobre-menors-amb-mesura-de-tutela\/\">\n\t<\/aside>\n\t\t<\/article>\n<\/div>\n<div class=\"small-12 large-4 columns\">\n\t<article itemscope itemtype=\"http:\/\/schema.org\/Article\" class=\"post blog-style7 alt post-28331 type-post status-publish format-standard has-post-thumbnail hentry category-consell-de-mallorca category-federacio-de-mallorca category-federacio-de-mallorca-portada category-municipis category-portada tag-catalina-cladera tag-consell-de-mallorca tag-grup-socialista tag-javier-de-juan\" role=\"article\">\n\t\t<figure class=\"post-gallery\"><img loading=\"lazy\" decoding=\"async\" width=\"600\" height=\"400\" src=\"https:\/\/www.psib-psoe.org\/mallorca\/wp-content\/uploads\/Hip\u00f2drom-1-600x400.jpeg\" class=\"attachment-notio-general-x2 size-notio-general-x2 wp-post-image\" alt=\"\" srcset=\"https:\/\/www.psib-psoe.org\/mallorca\/wp-content\/uploads\/Hip\u00f2drom-1-600x400.jpeg 600w, https:\/\/www.psib-psoe.org\/mallorca\/wp-content\/uploads\/Hip\u00f2drom-1-300x200.jpeg 300w, https:\/\/www.psib-psoe.org\/mallorca\/wp-content\/uploads\/Hip\u00f2drom-1-900x600.jpeg 900w, https:\/\/www.psib-psoe.org\/mallorca\/wp-content\/uploads\/Hip\u00f2drom-1-20x13.jpeg 20w\" sizes=\"(max-width: 600px) 100vw, 600px\" \/><\/figure>\n\t\t<div class=\"blog-top\">\n\t\t\t<header class=\"post-title entry-header\">\n\t\t\t\t<aside class=\"post-meta cf\">\n\t\t16\/02\/2024 \/ <a href=\"https:\/\/www.psib-psoe.org\/mallorca\/category\/consell-de-mallorca\/\" rel=\"category tag\">Consell de Mallorca<\/a>, <a href=\"https:\/\/www.psib-psoe.org\/mallorca\/category\/federacio-de-mallorca\/\" rel=\"category tag\">Federaci\u00f3 de Mallorca<\/a>, <a href=\"https:\/\/www.psib-psoe.org\/mallorca\/category\/federacio-de-mallorca-portada\/\" rel=\"category tag\">Federaci\u00f3 de Mallorca - Portada<\/a>, <a href=\"https:\/\/www.psib-psoe.org\/mallorca\/category\/municipis\/\" rel=\"category tag\">Municipis<\/a>, <a href=\"https:\/\/www.psib-psoe.org\/mallorca\/category\/portada\/\" rel=\"category tag\">Portada<\/a><\/aside>\n\t\t\t\t<h3 itemprop=\"headline\"><a href=\"https:\/\/www.psib-psoe.org\/mallorca\/els-socialistes-alerten-de-la-degradacio-etica-i-politica-a-la-qual-ppvox-sotmet-al-consell-de-mallorca\/\" title=\"Els socialistes alerten de la degradaci\u00f3 \u00e8tica i pol\u00edtica a la qual PPVOX sotmet al Consell de Mallorca.\">Els socialistes alerten de la degradaci\u00f3 \u00e8tica i pol\u00edtica a la qual PPVOX sotmet al Consell de Mallorca.<\/a><\/h3>\n\t\t\t<\/header>\n\t\t<\/div>\n\t\t<div class=\"post-content\">\n\t\t\t<a href=\"https:\/\/www.psib-psoe.org\/mallorca\/els-socialistes-alerten-de-la-degradacio-etica-i-politica-a-la-qual-ppvox-sotmet-al-consell-de-mallorca\/\" class=\"more-link\">Read More<\/a>\n\t\t<\/div>\n\t\t\t<aside class=\"post-bottom-meta hide\">\n\t\t<strong rel=\"author\" itemprop=\"author\" class=\"author vcard\"><span class=\"fn\">Albert<\/span><\/strong>\n\t\t<time class=\"date published time\" datetime=\"2024-02-16T15:55:09+02:00\" itemprop=\"datePublished\" content=\"2024-02-16T15:55:09+02:00\">16\/02\/2024<\/time>\n\t\t<meta itemprop=\"dateModified\" class=\"date updated\" content=\"2024-10-14T11:40:37+02:00\">\n\t\t<span class=\"hide\" itemprop=\"publisher\" itemscope itemtype=\"https:\/\/schema.org\/Organization\">\n\t\t\t<meta itemprop=\"name\" content=\"SocialistesdMca\">\n\t\t\t<span itemprop=\"logo\" itemscope itemtype=\"https:\/\/schema.org\/ImageObject\">\n\t\t\t\t<meta itemprop=\"url\" content=\"https:\/\/www.psib-psoe.org\/mallorca\/wp-content\/themes\/notio-wp\/assets\/img\/logo.png\">\n\t\t\t<\/span>\n\t\t\t<meta itemprop=\"url\" content=\"https:\/\/www.psib-psoe.org\/mallorca\/\">\n\t\t<\/span>\n\t\t\t\t<span class=\"hide\" itemprop=\"image\" itemscope itemtype=\"http:\/\/schema.org\/ImageObject\">\n\t\t\t<meta itemprop=\"url\" content=\"https:\/\/www.psib-psoe.org\/mallorca\/wp-content\/uploads\/Hip\u00f2drom-1.jpeg\">\n\t\t\t<meta itemprop=\"width\" content=\"2048\">\n\t\t\t<meta itemprop=\"height\" content=\"1536\">\n\t\t<\/span>\n\t\t\t\t<meta itemscope itemprop=\"mainEntityOfPage\" itemtype=\"https:\/\/schema.org\/WebPage\" itemid=\"https:\/\/www.psib-psoe.org\/mallorca\/els-socialistes-alerten-de-la-degradacio-etica-i-politica-a-la-qual-ppvox-sotmet-al-consell-de-mallorca\/\">\n\t<\/aside>\n\t\t<\/article>\n<\/div>\n<div class=\"small-12 large-4 columns\">\n\t<article itemscope itemtype=\"http:\/\/schema.org\/Article\" class=\"post blog-style7 alt post-28324 type-post status-publish format-standard has-post-thumbnail hentry category-federacio-de-mallorca category-federacio-de-mallorca-portada category-portada tag-catalina-cladera tag-consell-politic tag-federacio-socialista-de-mallorca tag-fsm tag-psib-psoe\" role=\"article\">\n\t\t<figure class=\"post-gallery\"><img loading=\"lazy\" decoding=\"async\" width=\"600\" height=\"400\" src=\"https:\/\/www.psib-psoe.org\/mallorca\/wp-content\/uploads\/WhatsApp-Image-2024-02-15-at-18.50.48-600x400.jpeg\" class=\"attachment-notio-general-x2 size-notio-general-x2 wp-post-image\" alt=\"\" srcset=\"https:\/\/www.psib-psoe.org\/mallorca\/wp-content\/uploads\/WhatsApp-Image-2024-02-15-at-18.50.48-600x400.jpeg 600w, https:\/\/www.psib-psoe.org\/mallorca\/wp-content\/uploads\/WhatsApp-Image-2024-02-15-at-18.50.48-300x200.jpeg 300w, https:\/\/www.psib-psoe.org\/mallorca\/wp-content\/uploads\/WhatsApp-Image-2024-02-15-at-18.50.48-900x600.jpeg 900w, https:\/\/www.psib-psoe.org\/mallorca\/wp-content\/uploads\/WhatsApp-Image-2024-02-15-at-18.50.48-20x13.jpeg 20w\" sizes=\"(max-width: 600px) 100vw, 600px\" \/><\/figure>\n\t\t<div class=\"blog-top\">\n\t\t\t<header class=\"post-title entry-header\">\n\t\t\t\t<aside class=\"post-meta cf\">\n\t\t15\/02\/2024 \/ <a href=\"https:\/\/www.psib-psoe.org\/mallorca\/category\/federacio-de-mallorca\/\" rel=\"category tag\">Federaci\u00f3 de Mallorca<\/a>, <a href=\"https:\/\/www.psib-psoe.org\/mallorca\/category\/federacio-de-mallorca-portada\/\" rel=\"category tag\">Federaci\u00f3 de Mallorca - Portada<\/a>, <a href=\"https:\/\/www.psib-psoe.org\/mallorca\/category\/portada\/\" rel=\"category tag\">Portada<\/a><\/aside>\n\t\t\t\t<h3 itemprop=\"headline\"><a href=\"https:\/\/www.psib-psoe.org\/mallorca\/cladera-destaca-la-perdua-de-tot-el-credit-dels-governs-ppvox-a-mallorca-i-balears-en-nomes-set-mesos-de-legislatura-davant-el-consell-politic-de-la-fsm\/\" title=\"Cladera destaca &#8220;la p\u00e8rdua de tot el cr\u00e8dit dels governs PPVOX a Mallorca i Balears en nom\u00e9s set mesos de legislatura&#8221;, davant el Consell Pol\u00edtic de la FSM\">Cladera destaca &#8220;la p\u00e8rdua de tot el cr\u00e8dit dels governs PPVOX a Mallorca i Balears en nom\u00e9s set mesos de legislatura&#8221;, davant el Consell Pol\u00edtic de la FSM<\/a><\/h3>\n\t\t\t<\/header>\n\t\t<\/div>\n\t\t<div class=\"post-content\">\n\t\t\t<a href=\"https:\/\/www.psib-psoe.org\/mallorca\/cladera-destaca-la-perdua-de-tot-el-credit-dels-governs-ppvox-a-mallorca-i-balears-en-nomes-set-mesos-de-legislatura-davant-el-consell-politic-de-la-fsm\/\" class=\"more-link\">Read More<\/a>\n\t\t<\/div>\n\t\t\t<aside class=\"post-bottom-meta hide\">\n\t\t<strong rel=\"author\" itemprop=\"author\" class=\"author vcard\"><span class=\"fn\">Socialistes de Mallorca<\/span><\/strong>\n\t\t<time class=\"date published time\" datetime=\"2024-02-15T21:12:33+02:00\" itemprop=\"datePublished\" content=\"2024-02-15T21:12:33+02:00\">15\/02\/2024<\/time>\n\t\t<meta itemprop=\"dateModified\" class=\"date updated\" content=\"2024-10-14T11:40:37+02:00\">\n\t\t<span class=\"hide\" itemprop=\"publisher\" itemscope itemtype=\"https:\/\/schema.org\/Organization\">\n\t\t\t<meta itemprop=\"name\" content=\"SocialistesdMca\">\n\t\t\t<span itemprop=\"logo\" itemscope itemtype=\"https:\/\/schema.org\/ImageObject\">\n\t\t\t\t<meta itemprop=\"url\" content=\"https:\/\/www.psib-psoe.org\/mallorca\/wp-content\/themes\/notio-wp\/assets\/img\/logo.png\">\n\t\t\t<\/span>\n\t\t\t<meta itemprop=\"url\" content=\"https:\/\/www.psib-psoe.org\/mallorca\/\">\n\t\t<\/span>\n\t\t\t\t<span class=\"hide\" itemprop=\"image\" itemscope itemtype=\"http:\/\/schema.org\/ImageObject\">\n\t\t\t<meta itemprop=\"url\" content=\"https:\/\/www.psib-psoe.org\/mallorca\/wp-content\/uploads\/WhatsApp-Image-2024-02-15-at-18.50.48.jpeg\">\n\t\t\t<meta itemprop=\"width\" content=\"4032\">\n\t\t\t<meta itemprop=\"height\" content=\"3024\">\n\t\t<\/span>\n\t\t\t\t<meta itemscope itemprop=\"mainEntityOfPage\" itemtype=\"https:\/\/schema.org\/WebPage\" itemid=\"https:\/\/www.psib-psoe.org\/mallorca\/cladera-destaca-la-perdua-de-tot-el-credit-dels-governs-ppvox-a-mallorca-i-balears-en-nomes-set-mesos-de-legislatura-davant-el-consell-politic-de-la-fsm\/\">\n\t<\/aside>\n\t\t<\/article>\n<\/div>\n<div class=\"small-12 large-4 columns\">\n\t<article itemscope itemtype=\"http:\/\/schema.org\/Article\" class=\"post blog-style7 alt post-28316 type-post status-publish format-standard has-post-thumbnail hentry category-consell-de-mallorca category-federacio-de-mallorca category-federacio-de-mallorca-portada category-municipis category-portada tag-agrupacio-socialista-de-llucmajor tag-catalina-cladera tag-consell-de-mallorca tag-jaume-j-oliver tag-psib-psoe\" role=\"article\">\n\t\t<figure class=\"post-gallery\"><img loading=\"lazy\" decoding=\"async\" width=\"600\" height=\"400\" src=\"https:\/\/www.psib-psoe.org\/mallorca\/wp-content\/uploads\/Cladera_Alzamora-3-600x400.jpeg\" class=\"attachment-notio-general-x2 size-notio-general-x2 wp-post-image\" alt=\"\" srcset=\"https:\/\/www.psib-psoe.org\/mallorca\/wp-content\/uploads\/Cladera_Alzamora-3-600x400.jpeg 600w, https:\/\/www.psib-psoe.org\/mallorca\/wp-content\/uploads\/Cladera_Alzamora-3-300x200.jpeg 300w, https:\/\/www.psib-psoe.org\/mallorca\/wp-content\/uploads\/Cladera_Alzamora-3-900x600.jpeg 900w, https:\/\/www.psib-psoe.org\/mallorca\/wp-content\/uploads\/Cladera_Alzamora-3-20x13.jpeg 20w\" sizes=\"(max-width: 600px) 100vw, 600px\" \/><\/figure>\n\t\t<div class=\"blog-top\">\n\t\t\t<header class=\"post-title entry-header\">\n\t\t\t\t<aside class=\"post-meta cf\">\n\t\t13\/02\/2024 \/ <a href=\"https:\/\/www.psib-psoe.org\/mallorca\/category\/consell-de-mallorca\/\" rel=\"category tag\">Consell de Mallorca<\/a>, <a href=\"https:\/\/www.psib-psoe.org\/mallorca\/category\/federacio-de-mallorca\/\" rel=\"category tag\">Federaci\u00f3 de Mallorca<\/a>, <a href=\"https:\/\/www.psib-psoe.org\/mallorca\/category\/federacio-de-mallorca-portada\/\" rel=\"category tag\">Federaci\u00f3 de Mallorca - Portada<\/a>, <a href=\"https:\/\/www.psib-psoe.org\/mallorca\/category\/municipis\/\" rel=\"category tag\">Municipis<\/a>, <a href=\"https:\/\/www.psib-psoe.org\/mallorca\/category\/portada\/\" rel=\"category tag\">Portada<\/a><\/aside>\n\t\t\t\t<h3 itemprop=\"headline\"><a href=\"https:\/\/www.psib-psoe.org\/mallorca\/els-socialistes-insten-galmes-a-dir-la-veritat-sobre-la-destitucio-de-la-consellera-pilar-bonet-i-que-aporti-tota-la-informacio-sobre-la-seva-gestio\/\" title=\"Els socialistes insten Galm\u00e9s a dir la veritat sobre la destituci\u00f3 de la consellera Pilar Bonet i que aporti tota la informaci\u00f3 sobre la seva gesti\u00f3.\">Els socialistes insten Galm\u00e9s a dir la veritat sobre la destituci\u00f3 de la consellera Pilar Bonet i que aporti tota la informaci\u00f3 sobre la seva gesti\u00f3.<\/a><\/h3>\n\t\t\t<\/header>\n\t\t<\/div>\n\t\t<div class=\"post-content\">\n\t\t\t<a href=\"https:\/\/www.psib-psoe.org\/mallorca\/els-socialistes-insten-galmes-a-dir-la-veritat-sobre-la-destitucio-de-la-consellera-pilar-bonet-i-que-aporti-tota-la-informacio-sobre-la-seva-gestio\/\" class=\"more-link\">Read More<\/a>\n\t\t<\/div>\n\t\t\t<aside class=\"post-bottom-meta hide\">\n\t\t<strong rel=\"author\" itemprop=\"author\" class=\"author vcard\"><span class=\"fn\">Albert<\/span><\/strong>\n\t\t<time class=\"date published time\" datetime=\"2024-02-13T12:53:49+02:00\" itemprop=\"datePublished\" content=\"2024-02-13T12:53:49+02:00\">13\/02\/2024<\/time>\n\t\t<meta itemprop=\"dateModified\" class=\"date updated\" content=\"2024-10-14T11:40:37+02:00\">\n\t\t<span class=\"hide\" itemprop=\"publisher\" itemscope itemtype=\"https:\/\/schema.org\/Organization\">\n\t\t\t<meta itemprop=\"name\" content=\"SocialistesdMca\">\n\t\t\t<span itemprop=\"logo\" itemscope itemtype=\"https:\/\/schema.org\/ImageObject\">\n\t\t\t\t<meta itemprop=\"url\" content=\"https:\/\/www.psib-psoe.org\/mallorca\/wp-content\/themes\/notio-wp\/assets\/img\/logo.png\">\n\t\t\t<\/span>\n\t\t\t<meta itemprop=\"url\" content=\"https:\/\/www.psib-psoe.org\/mallorca\/\">\n\t\t<\/span>\n\t\t\t\t<span class=\"hide\" itemprop=\"image\" itemscope itemtype=\"http:\/\/schema.org\/ImageObject\">\n\t\t\t<meta itemprop=\"url\" content=\"https:\/\/www.psib-psoe.org\/mallorca\/wp-content\/uploads\/Cladera_Alzamora-3.jpeg\">\n\t\t\t<meta itemprop=\"width\" content=\"2048\">\n\t\t\t<meta itemprop=\"height\" content=\"1536\">\n\t\t<\/span>\n\t\t\t\t<meta itemscope itemprop=\"mainEntityOfPage\" itemtype=\"https:\/\/schema.org\/WebPage\" itemid=\"https:\/\/www.psib-psoe.org\/mallorca\/els-socialistes-insten-galmes-a-dir-la-veritat-sobre-la-destitucio-de-la-consellera-pilar-bonet-i-que-aporti-tota-la-informacio-sobre-la-seva-gestio\/\">\n\t<\/aside>\n\t\t<\/article>\n<\/div>\n<div class=\"small-12 large-4 columns\">\n\t<article itemscope itemtype=\"http:\/\/schema.org\/Article\" class=\"post blog-style7 alt post-28311 type-post status-publish format-standard has-post-thumbnail hentry category-consell-de-mallorca category-federacio-de-mallorca category-federacio-de-mallorca-portada category-portada tag-catalina-cladera tag-consell-de-mallorca tag-javier-de-juan tag-psib-psoe\" role=\"article\">\n\t\t<figure class=\"post-gallery\"><img loading=\"lazy\" decoding=\"async\" width=\"600\" height=\"400\" src=\"https:\/\/www.psib-psoe.org\/mallorca\/wp-content\/uploads\/Ple-Bonet-3-600x400.jpeg\" class=\"attachment-notio-general-x2 size-notio-general-x2 wp-post-image\" alt=\"\" srcset=\"https:\/\/www.psib-psoe.org\/mallorca\/wp-content\/uploads\/Ple-Bonet-3-600x400.jpeg 600w, https:\/\/www.psib-psoe.org\/mallorca\/wp-content\/uploads\/Ple-Bonet-3-300x200.jpeg 300w, https:\/\/www.psib-psoe.org\/mallorca\/wp-content\/uploads\/Ple-Bonet-3-900x600.jpeg 900w, https:\/\/www.psib-psoe.org\/mallorca\/wp-content\/uploads\/Ple-Bonet-3-20x13.jpeg 20w\" sizes=\"(max-width: 600px) 100vw, 600px\" \/><\/figure>\n\t\t<div class=\"blog-top\">\n\t\t\t<header class=\"post-title entry-header\">\n\t\t\t\t<aside class=\"post-meta cf\">\n\t\t12\/02\/2024 \/ <a href=\"https:\/\/www.psib-psoe.org\/mallorca\/category\/consell-de-mallorca\/\" rel=\"category tag\">Consell de Mallorca<\/a>, <a href=\"https:\/\/www.psib-psoe.org\/mallorca\/category\/federacio-de-mallorca\/\" rel=\"category tag\">Federaci\u00f3 de Mallorca<\/a>, <a href=\"https:\/\/www.psib-psoe.org\/mallorca\/category\/federacio-de-mallorca-portada\/\" rel=\"category tag\">Federaci\u00f3 de Mallorca - Portada<\/a>, <a href=\"https:\/\/www.psib-psoe.org\/mallorca\/category\/portada\/\" rel=\"category tag\">Portada<\/a><\/aside>\n\t\t\t\t<h3 itemprop=\"headline\"><a href=\"https:\/\/www.psib-psoe.org\/mallorca\/cladera-la-destitucio-duna-consellera-dhisenda-suposadament-implicada-en-un-cas-de-desfalc-milionari-esten-lombra-de-la-corrupcio-al-consell-de-mallorca-de-la-ma-del-pp\/\" title=\"Cladera: &#8220;la destituci\u00f3 d&#8217;una consellera d&#8217;Hisenda suposadament implicada en un cas de desfalc milionari est\u00e9n l&#8217;ombra de la corrupci\u00f3 al Consell de Mallorca de la ma del PP&#8221;\">Cladera: &#8220;la destituci\u00f3 d&#8217;una consellera d&#8217;Hisenda suposadament implicada en un cas de desfalc milionari est\u00e9n l&#8217;ombra de la corrupci\u00f3 al Consell de Mallorca de la ma del PP&#8221;<\/a><\/h3>\n\t\t\t<\/header>\n\t\t<\/div>\n\t\t<div class=\"post-content\">\n\t\t\t<a href=\"https:\/\/www.psib-psoe.org\/mallorca\/cladera-la-destitucio-duna-consellera-dhisenda-suposadament-implicada-en-un-cas-de-desfalc-milionari-esten-lombra-de-la-corrupcio-al-consell-de-mallorca-de-la-ma-del-pp\/\" class=\"more-link\">Read More<\/a>\n\t\t<\/div>\n\t\t\t<aside class=\"post-bottom-meta hide\">\n\t\t<strong rel=\"author\" itemprop=\"author\" class=\"author vcard\"><span class=\"fn\">Albert<\/span><\/strong>\n\t\t<time class=\"date published time\" datetime=\"2024-02-12T17:24:55+02:00\" itemprop=\"datePublished\" content=\"2024-02-12T17:24:55+02:00\">12\/02\/2024<\/time>\n\t\t<meta itemprop=\"dateModified\" class=\"date updated\" content=\"2024-10-14T11:40:37+02:00\">\n\t\t<span class=\"hide\" itemprop=\"publisher\" itemscope itemtype=\"https:\/\/schema.org\/Organization\">\n\t\t\t<meta itemprop=\"name\" content=\"SocialistesdMca\">\n\t\t\t<span itemprop=\"logo\" itemscope itemtype=\"https:\/\/schema.org\/ImageObject\">\n\t\t\t\t<meta itemprop=\"url\" content=\"https:\/\/www.psib-psoe.org\/mallorca\/wp-content\/themes\/notio-wp\/assets\/img\/logo.png\">\n\t\t\t<\/span>\n\t\t\t<meta itemprop=\"url\" content=\"https:\/\/www.psib-psoe.org\/mallorca\/\">\n\t\t<\/span>\n\t\t\t\t<span class=\"hide\" itemprop=\"image\" itemscope itemtype=\"http:\/\/schema.org\/ImageObject\">\n\t\t\t<meta itemprop=\"url\" content=\"https:\/\/www.psib-psoe.org\/mallorca\/wp-content\/uploads\/Ple-Bonet-3.jpeg\">\n\t\t\t<meta itemprop=\"width\" content=\"2048\">\n\t\t\t<meta itemprop=\"height\" content=\"1536\">\n\t\t<\/span>\n\t\t\t\t<meta itemscope itemprop=\"mainEntityOfPage\" itemtype=\"https:\/\/schema.org\/WebPage\" itemid=\"https:\/\/www.psib-psoe.org\/mallorca\/cladera-la-destitucio-duna-consellera-dhisenda-suposadament-implicada-en-un-cas-de-desfalc-milionari-esten-lombra-de-la-corrupcio-al-consell-de-mallorca-de-la-ma-del-pp\/\">\n\t<\/aside>\n\t\t<\/article>\n<\/div>\n<div class=\"small-12 large-4 columns\">\n\t<article itemscope itemtype=\"http:\/\/schema.org\/Article\" class=\"post blog-style7 alt post-28292 type-post status-publish format-standard has-post-thumbnail hentry category-consell-de-mallorca category-federacio-de-mallorca category-federacio-de-mallorca-portada category-municipis category-portada tag-agrupacio-socialista-de-soller tag-catalina-cladera tag-jaume-mateu tag-psib-psoe\" role=\"article\">\n\t\t<figure class=\"post-gallery\"><img loading=\"lazy\" decoding=\"async\" width=\"600\" height=\"400\" src=\"https:\/\/www.psib-psoe.org\/mallorca\/wp-content\/uploads\/Torre-picada-600x400.jpg\" class=\"attachment-notio-general-x2 size-notio-general-x2 wp-post-image\" alt=\"\" srcset=\"https:\/\/www.psib-psoe.org\/mallorca\/wp-content\/uploads\/Torre-picada-600x400.jpg 600w, https:\/\/www.psib-psoe.org\/mallorca\/wp-content\/uploads\/Torre-picada-300x200.jpg 300w, https:\/\/www.psib-psoe.org\/mallorca\/wp-content\/uploads\/Torre-picada-900x600.jpg 900w, https:\/\/www.psib-psoe.org\/mallorca\/wp-content\/uploads\/Torre-picada-20x13.jpg 20w\" sizes=\"(max-width: 600px) 100vw, 600px\" \/><\/figure>\n\t\t<div class=\"blog-top\">\n\t\t\t<header class=\"post-title entry-header\">\n\t\t\t\t<aside class=\"post-meta cf\">\n\t\t09\/02\/2024 \/ <a href=\"https:\/\/www.psib-psoe.org\/mallorca\/category\/consell-de-mallorca\/\" rel=\"category tag\">Consell de Mallorca<\/a>, <a href=\"https:\/\/www.psib-psoe.org\/mallorca\/category\/federacio-de-mallorca\/\" rel=\"category tag\">Federaci\u00f3 de Mallorca<\/a>, <a href=\"https:\/\/www.psib-psoe.org\/mallorca\/category\/federacio-de-mallorca-portada\/\" rel=\"category tag\">Federaci\u00f3 de Mallorca - Portada<\/a>, <a href=\"https:\/\/www.psib-psoe.org\/mallorca\/category\/municipis\/\" rel=\"category tag\">Municipis<\/a>, <a href=\"https:\/\/www.psib-psoe.org\/mallorca\/category\/portada\/\" rel=\"category tag\">Portada<\/a><\/aside>\n\t\t\t\t<h3 itemprop=\"headline\"><a href=\"https:\/\/www.psib-psoe.org\/mallorca\/la-proposta-dobrir-al-public-la-torre-picada-de-soller-dues-hores-al-mes-seria-una-presa-de-pel-i-una-manca-de-sensibilitat-cap-al-patrimoni-public-de-mallorca\/\" title=\"La proposta d&#8217;obrir al p\u00fablic la Torre Picada de S\u00f3ller dues hores al mes seria una &#8220;presa de p\u00e8l&#8221; i una &#8220;manca de sensibilitat cap al patrimoni p\u00fablic de Mallorca&#8221;.\">La proposta d&#8217;obrir al p\u00fablic la Torre Picada de S\u00f3ller dues hores al mes seria una &#8220;presa de p\u00e8l&#8221; i una &#8220;manca de sensibilitat cap al patrimoni p\u00fablic de Mallorca&#8221;.<\/a><\/h3>\n\t\t\t<\/header>\n\t\t<\/div>\n\t\t<div class=\"post-content\">\n\t\t\t<a href=\"https:\/\/www.psib-psoe.org\/mallorca\/la-proposta-dobrir-al-public-la-torre-picada-de-soller-dues-hores-al-mes-seria-una-presa-de-pel-i-una-manca-de-sensibilitat-cap-al-patrimoni-public-de-mallorca\/\" class=\"more-link\">Read More<\/a>\n\t\t<\/div>\n\t\t\t<aside class=\"post-bottom-meta hide\">\n\t\t<strong rel=\"author\" itemprop=\"author\" class=\"author vcard\"><span class=\"fn\">Albert<\/span><\/strong>\n\t\t<time class=\"date published time\" datetime=\"2024-02-09T17:06:08+02:00\" itemprop=\"datePublished\" content=\"2024-02-09T17:06:08+02:00\">09\/02\/2024<\/time>\n\t\t<meta itemprop=\"dateModified\" class=\"date updated\" content=\"2024-10-14T11:40:37+02:00\">\n\t\t<span class=\"hide\" itemprop=\"publisher\" itemscope itemtype=\"https:\/\/schema.org\/Organization\">\n\t\t\t<meta itemprop=\"name\" content=\"SocialistesdMca\">\n\t\t\t<span itemprop=\"logo\" itemscope itemtype=\"https:\/\/schema.org\/ImageObject\">\n\t\t\t\t<meta itemprop=\"url\" content=\"https:\/\/www.psib-psoe.org\/mallorca\/wp-content\/themes\/notio-wp\/assets\/img\/logo.png\">\n\t\t\t<\/span>\n\t\t\t<meta itemprop=\"url\" content=\"https:\/\/www.psib-psoe.org\/mallorca\/\">\n\t\t<\/span>\n\t\t\t\t<span class=\"hide\" itemprop=\"image\" itemscope itemtype=\"http:\/\/schema.org\/ImageObject\">\n\t\t\t<meta itemprop=\"url\" content=\"https:\/\/www.psib-psoe.org\/mallorca\/wp-content\/uploads\/Torre-picada.jpg\">\n\t\t\t<meta itemprop=\"width\" content=\"1200\">\n\t\t\t<meta itemprop=\"height\" content=\"1600\">\n\t\t<\/span>\n\t\t\t\t<meta itemscope itemprop=\"mainEntityOfPage\" itemtype=\"https:\/\/schema.org\/WebPage\" itemid=\"https:\/\/www.psib-psoe.org\/mallorca\/la-proposta-dobrir-al-public-la-torre-picada-de-soller-dues-hores-al-mes-seria-una-presa-de-pel-i-una-manca-de-sensibilitat-cap-al-patrimoni-public-de-mallorca\/\">\n\t<\/aside>\n\t\t<\/article>\n<\/div>\n<div class=\"small-12 large-4 columns\">\n\t<article itemscope itemtype=\"http:\/\/schema.org\/Article\" class=\"post blog-style7 alt post-28283 type-post status-publish format-standard has-post-thumbnail hentry category-consell-de-mallorca category-federacio-de-mallorca category-federacio-de-mallorca-portada category-municipis category-portada tag-andreu-serra tag-catalina-cladera tag-consell-de-mallorca tag-grup-socialista tag-javier-de-juan tag-sofia-alonso\" role=\"article\">\n\t\t<figure class=\"post-gallery\"><img loading=\"lazy\" decoding=\"async\" width=\"600\" height=\"400\" src=\"https:\/\/www.psib-psoe.org\/mallorca\/wp-content\/uploads\/PLe-c\u00e0ncer-2-600x400.jpeg\" class=\"attachment-notio-general-x2 size-notio-general-x2 wp-post-image\" alt=\"\" srcset=\"https:\/\/www.psib-psoe.org\/mallorca\/wp-content\/uploads\/PLe-c\u00e0ncer-2-600x400.jpeg 600w, https:\/\/www.psib-psoe.org\/mallorca\/wp-content\/uploads\/PLe-c\u00e0ncer-2-300x200.jpeg 300w, https:\/\/www.psib-psoe.org\/mallorca\/wp-content\/uploads\/PLe-c\u00e0ncer-2-900x600.jpeg 900w, https:\/\/www.psib-psoe.org\/mallorca\/wp-content\/uploads\/PLe-c\u00e0ncer-2-20x13.jpeg 20w\" sizes=\"(max-width: 600px) 100vw, 600px\" \/><\/figure>\n\t\t<div class=\"blog-top\">\n\t\t\t<header class=\"post-title entry-header\">\n\t\t\t\t<aside class=\"post-meta cf\">\n\t\t08\/02\/2024 \/ <a href=\"https:\/\/www.psib-psoe.org\/mallorca\/category\/consell-de-mallorca\/\" rel=\"category tag\">Consell de Mallorca<\/a>, <a href=\"https:\/\/www.psib-psoe.org\/mallorca\/category\/federacio-de-mallorca\/\" rel=\"category tag\">Federaci\u00f3 de Mallorca<\/a>, <a href=\"https:\/\/www.psib-psoe.org\/mallorca\/category\/federacio-de-mallorca-portada\/\" rel=\"category tag\">Federaci\u00f3 de Mallorca - Portada<\/a>, <a href=\"https:\/\/www.psib-psoe.org\/mallorca\/category\/municipis\/\" rel=\"category tag\">Municipis<\/a>, <a href=\"https:\/\/www.psib-psoe.org\/mallorca\/category\/portada\/\" rel=\"category tag\">Portada<\/a><\/aside>\n\t\t\t\t<h3 itemprop=\"headline\"><a href=\"https:\/\/www.psib-psoe.org\/mallorca\/el-ppvox-del-sr-galmes-evita-debatre-sobre-transfuguisme-i-com-afecta-a-la-governabilitat-del-consell\/\" title=\"El PPVOX del sr. Galm\u00e9s evita debatre sobre transfuguisme i com afecta a la governabilitat del Consell\">El PPVOX del sr. Galm\u00e9s evita debatre sobre transfuguisme i com afecta a la governabilitat del Consell<\/a><\/h3>\n\t\t\t<\/header>\n\t\t<\/div>\n\t\t<div class=\"post-content\">\n\t\t\t<a href=\"https:\/\/www.psib-psoe.org\/mallorca\/el-ppvox-del-sr-galmes-evita-debatre-sobre-transfuguisme-i-com-afecta-a-la-governabilitat-del-consell\/\" class=\"more-link\">Read More<\/a>\n\t\t<\/div>\n\t\t\t<aside class=\"post-bottom-meta hide\">\n\t\t<strong rel=\"author\" itemprop=\"author\" class=\"author vcard\"><span class=\"fn\">Albert<\/span><\/strong>\n\t\t<time class=\"date published time\" datetime=\"2024-02-08T19:34:33+02:00\" itemprop=\"datePublished\" content=\"2024-02-08T19:34:33+02:00\">08\/02\/2024<\/time>\n\t\t<meta itemprop=\"dateModified\" class=\"date updated\" content=\"2024-10-14T11:40:37+02:00\">\n\t\t<span class=\"hide\" itemprop=\"publisher\" itemscope itemtype=\"https:\/\/schema.org\/Organization\">\n\t\t\t<meta itemprop=\"name\" content=\"SocialistesdMca\">\n\t\t\t<span itemprop=\"logo\" itemscope itemtype=\"https:\/\/schema.org\/ImageObject\">\n\t\t\t\t<meta itemprop=\"url\" content=\"https:\/\/www.psib-psoe.org\/mallorca\/wp-content\/themes\/notio-wp\/assets\/img\/logo.png\">\n\t\t\t<\/span>\n\t\t\t<meta itemprop=\"url\" content=\"https:\/\/www.psib-psoe.org\/mallorca\/\">\n\t\t<\/span>\n\t\t\t\t<span class=\"hide\" itemprop=\"image\" itemscope itemtype=\"http:\/\/schema.org\/ImageObject\">\n\t\t\t<meta itemprop=\"url\" content=\"https:\/\/www.psib-psoe.org\/mallorca\/wp-content\/uploads\/PLe-c\u00e0ncer-2.jpeg\">\n\t\t\t<meta itemprop=\"width\" content=\"1600\">\n\t\t\t<meta itemprop=\"height\" content=\"1200\">\n\t\t<\/span>\n\t\t\t\t<meta itemscope itemprop=\"mainEntityOfPage\" itemtype=\"https:\/\/schema.org\/WebPage\" itemid=\"https:\/\/www.psib-psoe.org\/mallorca\/el-ppvox-del-sr-galmes-evita-debatre-sobre-transfuguisme-i-com-afecta-a-la-governabilitat-del-consell\/\">\n\t<\/aside>\n\t\t<\/article>\n<\/div>\n<div class=\"small-12 large-4 columns\">\n\t<article itemscope itemtype=\"http:\/\/schema.org\/Article\" class=\"post blog-style7 alt post-28279 type-post status-publish format-standard has-post-thumbnail hentry category-consell-de-mallorca category-federacio-de-mallorca category-federacio-de-mallorca-portada category-municipis category-portada tag-agrupacio-socialista-de-soller tag-catalina-cladera tag-jaume-mateu\" role=\"article\">\n\t\t<figure class=\"post-gallery\"><img loading=\"lazy\" decoding=\"async\" width=\"600\" height=\"400\" src=\"https:\/\/www.psib-psoe.org\/mallorca\/wp-content\/uploads\/Cladera-Mateu-600x400.jpeg\" class=\"attachment-notio-general-x2 size-notio-general-x2 wp-post-image\" alt=\"\" srcset=\"https:\/\/www.psib-psoe.org\/mallorca\/wp-content\/uploads\/Cladera-Mateu-600x400.jpeg 600w, https:\/\/www.psib-psoe.org\/mallorca\/wp-content\/uploads\/Cladera-Mateu-300x200.jpeg 300w, https:\/\/www.psib-psoe.org\/mallorca\/wp-content\/uploads\/Cladera-Mateu-900x600.jpeg 900w, https:\/\/www.psib-psoe.org\/mallorca\/wp-content\/uploads\/Cladera-Mateu-20x13.jpeg 20w\" sizes=\"(max-width: 600px) 100vw, 600px\" \/><\/figure>\n\t\t<div class=\"blog-top\">\n\t\t\t<header class=\"post-title entry-header\">\n\t\t\t\t<aside class=\"post-meta cf\">\n\t\t08\/02\/2024 \/ <a href=\"https:\/\/www.psib-psoe.org\/mallorca\/category\/consell-de-mallorca\/\" rel=\"category tag\">Consell de Mallorca<\/a>, <a href=\"https:\/\/www.psib-psoe.org\/mallorca\/category\/federacio-de-mallorca\/\" rel=\"category tag\">Federaci\u00f3 de Mallorca<\/a>, <a href=\"https:\/\/www.psib-psoe.org\/mallorca\/category\/federacio-de-mallorca-portada\/\" rel=\"category tag\">Federaci\u00f3 de Mallorca - Portada<\/a>, <a href=\"https:\/\/www.psib-psoe.org\/mallorca\/category\/municipis\/\" rel=\"category tag\">Municipis<\/a>, <a href=\"https:\/\/www.psib-psoe.org\/mallorca\/category\/portada\/\" rel=\"category tag\">Portada<\/a><\/aside>\n\t\t\t\t<h3 itemprop=\"headline\"><a href=\"https:\/\/www.psib-psoe.org\/mallorca\/els-socialistes-de-soller-demanaran-responsabilitats-a-lequip-de-govern-de-lajuntament-pel-fracas-de-gestio-en-la-reforma-de-ses-escolapies\/\" title=\"Els socialistes de S\u00f3ller demanaran &#8220;responsabilitats&#8221; a l&#8217;equip de govern de l&#8217;Ajuntament pel &#8220;frac\u00e0s de gesti\u00f3&#8221; en la reforma de Ses Escol\u00e0pies\">Els socialistes de S\u00f3ller demanaran &#8220;responsabilitats&#8221; a l&#8217;equip de govern de l&#8217;Ajuntament pel &#8220;frac\u00e0s de gesti\u00f3&#8221; en la reforma de Ses Escol\u00e0pies<\/a><\/h3>\n\t\t\t<\/header>\n\t\t<\/div>\n\t\t<div class=\"post-content\">\n\t\t\t<a href=\"https:\/\/www.psib-psoe.org\/mallorca\/els-socialistes-de-soller-demanaran-responsabilitats-a-lequip-de-govern-de-lajuntament-pel-fracas-de-gestio-en-la-reforma-de-ses-escolapies\/\" class=\"more-link\">Read More<\/a>\n\t\t<\/div>\n\t\t\t<aside class=\"post-bottom-meta hide\">\n\t\t<strong rel=\"author\" itemprop=\"author\" class=\"author vcard\"><span class=\"fn\">Albert<\/span><\/strong>\n\t\t<time class=\"date published time\" datetime=\"2024-02-08T12:55:52+02:00\" itemprop=\"datePublished\" content=\"2024-02-08T12:55:52+02:00\">08\/02\/2024<\/time>\n\t\t<meta itemprop=\"dateModified\" class=\"date updated\" content=\"2024-10-14T11:40:38+02:00\">\n\t\t<span class=\"hide\" itemprop=\"publisher\" itemscope itemtype=\"https:\/\/schema.org\/Organization\">\n\t\t\t<meta itemprop=\"name\" content=\"SocialistesdMca\">\n\t\t\t<span itemprop=\"logo\" itemscope itemtype=\"https:\/\/schema.org\/ImageObject\">\n\t\t\t\t<meta itemprop=\"url\" content=\"https:\/\/www.psib-psoe.org\/mallorca\/wp-content\/themes\/notio-wp\/assets\/img\/logo.png\">\n\t\t\t<\/span>\n\t\t\t<meta itemprop=\"url\" content=\"https:\/\/www.psib-psoe.org\/mallorca\/\">\n\t\t<\/span>\n\t\t\t\t<span class=\"hide\" itemprop=\"image\" itemscope itemtype=\"http:\/\/schema.org\/ImageObject\">\n\t\t\t<meta itemprop=\"url\" content=\"https:\/\/www.psib-psoe.org\/mallorca\/wp-content\/uploads\/Cladera-Mateu.jpeg\">\n\t\t\t<meta itemprop=\"width\" content=\"2000\">\n\t\t\t<meta itemprop=\"height\" content=\"900\">\n\t\t<\/span>\n\t\t\t\t<meta itemscope itemprop=\"mainEntityOfPage\" itemtype=\"https:\/\/schema.org\/WebPage\" itemid=\"https:\/\/www.psib-psoe.org\/mallorca\/els-socialistes-de-soller-demanaran-responsabilitats-a-lequip-de-govern-de-lajuntament-pel-fracas-de-gestio-en-la-reforma-de-ses-escolapies\/\">\n\t<\/aside>\n\t\t<\/article>\n<\/div>\n<div class=\"small-12 large-4 columns\">\n\t<article itemscope itemtype=\"http:\/\/schema.org\/Article\" class=\"post blog-style7 alt post-28270 type-post status-publish format-standard has-post-thumbnail hentry category-consell-de-mallorca category-federacio-de-mallorca category-federacio-de-mallorca-portada category-portada tag-catalina-cladera tag-consell-de-mallorca tag-psib-psoe\" role=\"article\">\n\t\t<figure class=\"post-gallery\"><img loading=\"lazy\" decoding=\"async\" width=\"600\" height=\"400\" src=\"https:\/\/www.psib-psoe.org\/mallorca\/wp-content\/uploads\/Rdp-1-600x400.jpeg\" class=\"attachment-notio-general-x2 size-notio-general-x2 wp-post-image\" alt=\"\" srcset=\"https:\/\/www.psib-psoe.org\/mallorca\/wp-content\/uploads\/Rdp-1-600x400.jpeg 600w, https:\/\/www.psib-psoe.org\/mallorca\/wp-content\/uploads\/Rdp-1-300x200.jpeg 300w, https:\/\/www.psib-psoe.org\/mallorca\/wp-content\/uploads\/Rdp-1-900x600.jpeg 900w, https:\/\/www.psib-psoe.org\/mallorca\/wp-content\/uploads\/Rdp-1-20x13.jpeg 20w\" sizes=\"(max-width: 600px) 100vw, 600px\" \/><\/figure>\n\t\t<div class=\"blog-top\">\n\t\t\t<header class=\"post-title entry-header\">\n\t\t\t\t<aside class=\"post-meta cf\">\n\t\t07\/02\/2024 \/ <a href=\"https:\/\/www.psib-psoe.org\/mallorca\/category\/consell-de-mallorca\/\" rel=\"category tag\">Consell de Mallorca<\/a>, <a href=\"https:\/\/www.psib-psoe.org\/mallorca\/category\/federacio-de-mallorca\/\" rel=\"category tag\">Federaci\u00f3 de Mallorca<\/a>, <a href=\"https:\/\/www.psib-psoe.org\/mallorca\/category\/federacio-de-mallorca-portada\/\" rel=\"category tag\">Federaci\u00f3 de Mallorca - Portada<\/a>, <a href=\"https:\/\/www.psib-psoe.org\/mallorca\/category\/portada\/\" rel=\"category tag\">Portada<\/a><\/aside>\n\t\t\t\t<h3 itemprop=\"headline\"><a href=\"https:\/\/www.psib-psoe.org\/mallorca\/cladera-volem-que-el-sr-galmes-ens-digui-com-afecta-la-crisi-institucional-causada-per-vox-al-consell-de-mallorca\/\" title=\"Cladera: &#8220;Volem que el sr. Galm\u00e9s ens digui com afecta la crisi institucional causada per VOX al Consell de Mallorca&#8221;\">Cladera: &#8220;Volem que el sr. Galm\u00e9s ens digui com afecta la crisi institucional causada per VOX al Consell de Mallorca&#8221;<\/a><\/h3>\n\t\t\t<\/header>\n\t\t<\/div>\n\t\t<div class=\"post-content\">\n\t\t\t<a href=\"https:\/\/www.psib-psoe.org\/mallorca\/cladera-volem-que-el-sr-galmes-ens-digui-com-afecta-la-crisi-institucional-causada-per-vox-al-consell-de-mallorca\/\" class=\"more-link\">Read More<\/a>\n\t\t<\/div>\n\t\t\t<aside class=\"post-bottom-meta hide\">\n\t\t<strong rel=\"author\" itemprop=\"author\" class=\"author vcard\"><span class=\"fn\">Albert<\/span><\/strong>\n\t\t<time class=\"date published time\" datetime=\"2024-02-07T15:18:18+02:00\" itemprop=\"datePublished\" content=\"2024-02-07T15:18:18+02:00\">07\/02\/2024<\/time>\n\t\t<meta itemprop=\"dateModified\" class=\"date updated\" content=\"2024-10-14T11:41:13+02:00\">\n\t\t<span class=\"hide\" itemprop=\"publisher\" itemscope itemtype=\"https:\/\/schema.org\/Organization\">\n\t\t\t<meta itemprop=\"name\" content=\"SocialistesdMca\">\n\t\t\t<span itemprop=\"logo\" itemscope itemtype=\"https:\/\/schema.org\/ImageObject\">\n\t\t\t\t<meta itemprop=\"url\" content=\"https:\/\/www.psib-psoe.org\/mallorca\/wp-content\/themes\/notio-wp\/assets\/img\/logo.png\">\n\t\t\t<\/span>\n\t\t\t<meta itemprop=\"url\" content=\"https:\/\/www.psib-psoe.org\/mallorca\/\">\n\t\t<\/span>\n\t\t\t\t<span class=\"hide\" itemprop=\"image\" itemscope itemtype=\"http:\/\/schema.org\/ImageObject\">\n\t\t\t<meta itemprop=\"url\" content=\"https:\/\/www.psib-psoe.org\/mallorca\/wp-content\/uploads\/Rdp-1.jpeg\">\n\t\t\t<meta itemprop=\"width\" content=\"1600\">\n\t\t\t<meta itemprop=\"height\" content=\"1200\">\n\t\t<\/span>\n\t\t\t\t<meta itemscope itemprop=\"mainEntityOfPage\" itemtype=\"https:\/\/schema.org\/WebPage\" itemid=\"https:\/\/www.psib-psoe.org\/mallorca\/cladera-volem-que-el-sr-galmes-ens-digui-com-afecta-la-crisi-institucional-causada-per-vox-al-consell-de-mallorca\/\">\n\t<\/aside>\n\t\t<\/article>\n<\/div>\n<div class=\"small-12 large-4 columns\">\n\t<article itemscope itemtype=\"http:\/\/schema.org\/Article\" class=\"post blog-style7 alt post-28265 type-post status-publish format-standard has-post-thumbnail hentry category-consell-de-mallorca category-federacio-de-mallorca category-federacio-de-mallorca-portada category-municipis category-portada tag-andreu-serra tag-catalina-cladera tag-consell-de-mallorca tag-psib-psoe\" role=\"article\">\n\t\t<figure class=\"post-gallery\"><img loading=\"lazy\" decoding=\"async\" width=\"600\" height=\"400\" src=\"https:\/\/www.psib-psoe.org\/mallorca\/wp-content\/uploads\/COLEF-2-600x400.jpeg\" class=\"attachment-notio-general-x2 size-notio-general-x2 wp-post-image\" alt=\"\" srcset=\"https:\/\/www.psib-psoe.org\/mallorca\/wp-content\/uploads\/COLEF-2-600x400.jpeg 600w, https:\/\/www.psib-psoe.org\/mallorca\/wp-content\/uploads\/COLEF-2-300x200.jpeg 300w, https:\/\/www.psib-psoe.org\/mallorca\/wp-content\/uploads\/COLEF-2-900x600.jpeg 900w, https:\/\/www.psib-psoe.org\/mallorca\/wp-content\/uploads\/COLEF-2-20x13.jpeg 20w\" sizes=\"(max-width: 600px) 100vw, 600px\" \/><\/figure>\n\t\t<div class=\"blog-top\">\n\t\t\t<header class=\"post-title entry-header\">\n\t\t\t\t<aside class=\"post-meta cf\">\n\t\t06\/02\/2024 \/ <a href=\"https:\/\/www.psib-psoe.org\/mallorca\/category\/consell-de-mallorca\/\" rel=\"category tag\">Consell de Mallorca<\/a>, <a href=\"https:\/\/www.psib-psoe.org\/mallorca\/category\/federacio-de-mallorca\/\" rel=\"category tag\">Federaci\u00f3 de Mallorca<\/a>, <a href=\"https:\/\/www.psib-psoe.org\/mallorca\/category\/federacio-de-mallorca-portada\/\" rel=\"category tag\">Federaci\u00f3 de Mallorca - Portada<\/a>, <a href=\"https:\/\/www.psib-psoe.org\/mallorca\/category\/municipis\/\" rel=\"category tag\">Municipis<\/a>, <a href=\"https:\/\/www.psib-psoe.org\/mallorca\/category\/portada\/\" rel=\"category tag\">Portada<\/a><\/aside>\n\t\t\t\t<h3 itemprop=\"headline\"><a href=\"https:\/\/www.psib-psoe.org\/mallorca\/els-socialistes-de-mallorca-proposen-donar-mes-eines-als-ajuntaments-per-incentivar-la-practica-esportiva\/\" title=\"Els socialistes de Mallorca proposen donar m\u00e9s eines als ajuntaments per incentivar la pr\u00e0ctica esportiva\">Els socialistes de Mallorca proposen donar m\u00e9s eines als ajuntaments per incentivar la pr\u00e0ctica esportiva<\/a><\/h3>\n\t\t\t<\/header>\n\t\t<\/div>\n\t\t<div class=\"post-content\">\n\t\t\t<a href=\"https:\/\/www.psib-psoe.org\/mallorca\/els-socialistes-de-mallorca-proposen-donar-mes-eines-als-ajuntaments-per-incentivar-la-practica-esportiva\/\" class=\"more-link\">Read More<\/a>\n\t\t<\/div>\n\t\t\t<aside class=\"post-bottom-meta hide\">\n\t\t<strong rel=\"author\" itemprop=\"author\" class=\"author vcard\"><span class=\"fn\">Albert<\/span><\/strong>\n\t\t<time class=\"date published time\" datetime=\"2024-02-06T13:14:33+02:00\" itemprop=\"datePublished\" content=\"2024-02-06T13:14:33+02:00\">06\/02\/2024<\/time>\n\t\t<meta itemprop=\"dateModified\" class=\"date updated\" content=\"2024-10-14T11:41:14+02:00\">\n\t\t<span class=\"hide\" itemprop=\"publisher\" itemscope itemtype=\"https:\/\/schema.org\/Organization\">\n\t\t\t<meta itemprop=\"name\" content=\"SocialistesdMca\">\n\t\t\t<span itemprop=\"logo\" itemscope itemtype=\"https:\/\/schema.org\/ImageObject\">\n\t\t\t\t<meta itemprop=\"url\" content=\"https:\/\/www.psib-psoe.org\/mallorca\/wp-content\/themes\/notio-wp\/assets\/img\/logo.png\">\n\t\t\t<\/span>\n\t\t\t<meta itemprop=\"url\" content=\"https:\/\/www.psib-psoe.org\/mallorca\/\">\n\t\t<\/span>\n\t\t\t\t<span class=\"hide\" itemprop=\"image\" itemscope itemtype=\"http:\/\/schema.org\/ImageObject\">\n\t\t\t<meta itemprop=\"url\" content=\"https:\/\/www.psib-psoe.org\/mallorca\/wp-content\/uploads\/COLEF-2.jpeg\">\n\t\t\t<meta itemprop=\"width\" content=\"1600\">\n\t\t\t<meta itemprop=\"height\" content=\"1200\">\n\t\t<\/span>\n\t\t\t\t<meta itemscope itemprop=\"mainEntityOfPage\" itemtype=\"https:\/\/schema.org\/WebPage\" itemid=\"https:\/\/www.psib-psoe.org\/mallorca\/els-socialistes-de-mallorca-proposen-donar-mes-eines-als-ajuntaments-per-incentivar-la-practica-esportiva\/\">\n\t<\/aside>\n\t\t<\/article>\n<\/div>\n<div class=\"small-12 large-4 columns\">\n\t<article itemscope itemtype=\"http:\/\/schema.org\/Article\" class=\"post blog-style7 alt post-28255 type-post status-publish format-standard has-post-thumbnail hentry category-consell-de-mallorca category-federacio-de-mallorca category-federacio-de-mallorca-portada category-municipis category-portada tag-catalina-cladera tag-imas tag-psib-psoe tag-sofia-alonso\" role=\"article\">\n\t\t<figure class=\"post-gallery\"><img loading=\"lazy\" decoding=\"async\" width=\"600\" height=\"400\" src=\"https:\/\/www.psib-psoe.org\/mallorca\/wp-content\/uploads\/MSF-1-600x400.jpeg\" class=\"attachment-notio-general-x2 size-notio-general-x2 wp-post-image\" alt=\"\" srcset=\"https:\/\/www.psib-psoe.org\/mallorca\/wp-content\/uploads\/MSF-1-600x400.jpeg 600w, https:\/\/www.psib-psoe.org\/mallorca\/wp-content\/uploads\/MSF-1-300x200.jpeg 300w, https:\/\/www.psib-psoe.org\/mallorca\/wp-content\/uploads\/MSF-1-20x13.jpeg 20w, https:\/\/www.psib-psoe.org\/mallorca\/wp-content\/uploads\/MSF-1-900x600.jpeg 900w\" sizes=\"(max-width: 600px) 100vw, 600px\" \/><\/figure>\n\t\t<div class=\"blog-top\">\n\t\t\t<header class=\"post-title entry-header\">\n\t\t\t\t<aside class=\"post-meta cf\">\n\t\t05\/02\/2024 \/ <a href=\"https:\/\/www.psib-psoe.org\/mallorca\/category\/consell-de-mallorca\/\" rel=\"category tag\">Consell de Mallorca<\/a>, <a href=\"https:\/\/www.psib-psoe.org\/mallorca\/category\/federacio-de-mallorca\/\" rel=\"category tag\">Federaci\u00f3 de Mallorca<\/a>, <a href=\"https:\/\/www.psib-psoe.org\/mallorca\/category\/federacio-de-mallorca-portada\/\" rel=\"category tag\">Federaci\u00f3 de Mallorca - Portada<\/a>, <a href=\"https:\/\/www.psib-psoe.org\/mallorca\/category\/municipis\/\" rel=\"category tag\">Municipis<\/a>, <a href=\"https:\/\/www.psib-psoe.org\/mallorca\/category\/portada\/\" rel=\"category tag\">Portada<\/a><\/aside>\n\t\t\t\t<h3 itemprop=\"headline\"><a href=\"https:\/\/www.psib-psoe.org\/mallorca\/els-socialistes-proposen-al-ple-del-consell-que-limas-doni-suport-real-a-les-entitats-del-tercer-sector-que-subministren-aliments-a-qui-els-necessita\/\" title=\"Els socialistes proposen al ple del Consell que l&#8217;IMAS doni suport real a les entitats del tercer sector que subministren aliments a qui els necessita\">Els socialistes proposen al ple del Consell que l&#8217;IMAS doni suport real a les entitats del tercer sector que subministren aliments a qui els necessita<\/a><\/h3>\n\t\t\t<\/header>\n\t\t<\/div>\n\t\t<div class=\"post-content\">\n\t\t\t<a href=\"https:\/\/www.psib-psoe.org\/mallorca\/els-socialistes-proposen-al-ple-del-consell-que-limas-doni-suport-real-a-les-entitats-del-tercer-sector-que-subministren-aliments-a-qui-els-necessita\/\" class=\"more-link\">Read More<\/a>\n\t\t<\/div>\n\t\t\t<aside class=\"post-bottom-meta hide\">\n\t\t<strong rel=\"author\" itemprop=\"author\" class=\"author vcard\"><span class=\"fn\">Albert<\/span><\/strong>\n\t\t<time class=\"date published time\" datetime=\"2024-02-05T12:25:02+02:00\" itemprop=\"datePublished\" content=\"2024-02-05T12:25:02+02:00\">05\/02\/2024<\/time>\n\t\t<meta itemprop=\"dateModified\" class=\"date updated\" content=\"2024-10-14T11:41:14+02:00\">\n\t\t<span class=\"hide\" itemprop=\"publisher\" itemscope itemtype=\"https:\/\/schema.org\/Organization\">\n\t\t\t<meta itemprop=\"name\" content=\"SocialistesdMca\">\n\t\t\t<span itemprop=\"logo\" itemscope itemtype=\"https:\/\/schema.org\/ImageObject\">\n\t\t\t\t<meta itemprop=\"url\" content=\"https:\/\/www.psib-psoe.org\/mallorca\/wp-content\/themes\/notio-wp\/assets\/img\/logo.png\">\n\t\t\t<\/span>\n\t\t\t<meta itemprop=\"url\" content=\"https:\/\/www.psib-psoe.org\/mallorca\/\">\n\t\t<\/span>\n\t\t\t\t<span class=\"hide\" itemprop=\"image\" itemscope itemtype=\"http:\/\/schema.org\/ImageObject\">\n\t\t\t<meta itemprop=\"url\" content=\"https:\/\/www.psib-psoe.org\/mallorca\/wp-content\/uploads\/MSF-1.jpeg\">\n\t\t\t<meta itemprop=\"width\" content=\"1419\">\n\t\t\t<meta itemprop=\"height\" content=\"870\">\n\t\t<\/span>\n\t\t\t\t<meta itemscope itemprop=\"mainEntityOfPage\" itemtype=\"https:\/\/schema.org\/WebPage\" itemid=\"https:\/\/www.psib-psoe.org\/mallorca\/els-socialistes-proposen-al-ple-del-consell-que-limas-doni-suport-real-a-les-entitats-del-tercer-sector-que-subministren-aliments-a-qui-els-necessita\/\">\n\t<\/aside>\n\t\t<\/article>\n<\/div>\n<div class=\"small-12 large-4 columns\">\n\t<article itemscope itemtype=\"http:\/\/schema.org\/Article\" class=\"post blog-style7 alt post-28247 type-post status-publish format-standard has-post-thumbnail hentry category-consell-de-mallorca category-federacio-de-mallorca category-municipis category-portada tag-algaida tag-catalina-cladera tag-consell tag-federacio-socialista-de-mallorca tag-fsm tag-inca tag-psib-psoe tag-psoe tag-virgilio-moreno\" role=\"article\">\n\t\t<figure class=\"post-gallery\"><img loading=\"lazy\" decoding=\"async\" width=\"600\" height=\"400\" src=\"https:\/\/www.psib-psoe.org\/mallorca\/wp-content\/uploads\/Assemblea-1-600x400.jpeg\" class=\"attachment-notio-general-x2 size-notio-general-x2 wp-post-image\" alt=\"\" srcset=\"https:\/\/www.psib-psoe.org\/mallorca\/wp-content\/uploads\/Assemblea-1-600x400.jpeg 600w, https:\/\/www.psib-psoe.org\/mallorca\/wp-content\/uploads\/Assemblea-1-300x200.jpeg 300w, https:\/\/www.psib-psoe.org\/mallorca\/wp-content\/uploads\/Assemblea-1-900x600.jpeg 900w, https:\/\/www.psib-psoe.org\/mallorca\/wp-content\/uploads\/Assemblea-1-20x13.jpeg 20w\" sizes=\"(max-width: 600px) 100vw, 600px\" \/><\/figure>\n\t\t<div class=\"blog-top\">\n\t\t\t<header class=\"post-title entry-header\">\n\t\t\t\t<aside class=\"post-meta cf\">\n\t\t01\/02\/2024 \/ <a href=\"https:\/\/www.psib-psoe.org\/mallorca\/category\/consell-de-mallorca\/\" rel=\"category tag\">Consell de Mallorca<\/a>, <a href=\"https:\/\/www.psib-psoe.org\/mallorca\/category\/federacio-de-mallorca\/\" rel=\"category tag\">Federaci\u00f3 de Mallorca<\/a>, <a href=\"https:\/\/www.psib-psoe.org\/mallorca\/category\/municipis\/\" rel=\"category tag\">Municipis<\/a>, <a href=\"https:\/\/www.psib-psoe.org\/mallorca\/category\/portada\/\" rel=\"category tag\">Portada<\/a><\/aside>\n\t\t\t\t<h3 itemprop=\"headline\"><a href=\"https:\/\/www.psib-psoe.org\/mallorca\/els-socialistes-de-mallorca-denuncien-la-deslleialtat-institucional-per-part-del-govern-balear-i-el-consell-de-mallorca-als-ajuntaments-governats-per-batles-i-batlesses-socialistes\/\" title=\"Els socialistes de Mallorca denuncien la \u201cdeslleialtat institucional\u201d per part del Govern Balear i el Consell de Mallorca als Ajuntaments governats per batles i batlesses socialistes\">Els socialistes de Mallorca denuncien la \u201cdeslleialtat institucional\u201d per part del Govern Balear i el Consell de Mallorca als Ajuntaments governats per batles i batlesses socialistes<\/a><\/h3>\n\t\t\t<\/header>\n\t\t<\/div>\n\t\t<div class=\"post-content\">\n\t\t\t<a href=\"https:\/\/www.psib-psoe.org\/mallorca\/els-socialistes-de-mallorca-denuncien-la-deslleialtat-institucional-per-part-del-govern-balear-i-el-consell-de-mallorca-als-ajuntaments-governats-per-batles-i-batlesses-socialistes\/\" class=\"more-link\">Read More<\/a>\n\t\t<\/div>\n\t\t\t<aside class=\"post-bottom-meta hide\">\n\t\t<strong rel=\"author\" itemprop=\"author\" class=\"author vcard\"><span class=\"fn\">Socialistes de Mallorca<\/span><\/strong>\n\t\t<time class=\"date published time\" datetime=\"2024-02-01T15:11:46+02:00\" itemprop=\"datePublished\" content=\"2024-02-01T15:11:46+02:00\">01\/02\/2024<\/time>\n\t\t<meta itemprop=\"dateModified\" class=\"date updated\" content=\"2024-10-14T11:41:14+02:00\">\n\t\t<span class=\"hide\" itemprop=\"publisher\" itemscope itemtype=\"https:\/\/schema.org\/Organization\">\n\t\t\t<meta itemprop=\"name\" content=\"SocialistesdMca\">\n\t\t\t<span itemprop=\"logo\" itemscope itemtype=\"https:\/\/schema.org\/ImageObject\">\n\t\t\t\t<meta itemprop=\"url\" content=\"https:\/\/www.psib-psoe.org\/mallorca\/wp-content\/themes\/notio-wp\/assets\/img\/logo.png\">\n\t\t\t<\/span>\n\t\t\t<meta itemprop=\"url\" content=\"https:\/\/www.psib-psoe.org\/mallorca\/\">\n\t\t<\/span>\n\t\t\t\t<span class=\"hide\" itemprop=\"image\" itemscope itemtype=\"http:\/\/schema.org\/ImageObject\">\n\t\t\t<meta itemprop=\"url\" content=\"https:\/\/www.psib-psoe.org\/mallorca\/wp-content\/uploads\/Assemblea-1.jpeg\">\n\t\t\t<meta itemprop=\"width\" content=\"1465\">\n\t\t\t<meta itemprop=\"height\" content=\"720\">\n\t\t<\/span>\n\t\t\t\t<meta itemscope itemprop=\"mainEntityOfPage\" itemtype=\"https:\/\/schema.org\/WebPage\" itemid=\"https:\/\/www.psib-psoe.org\/mallorca\/els-socialistes-de-mallorca-denuncien-la-deslleialtat-institucional-per-part-del-govern-balear-i-el-consell-de-mallorca-als-ajuntaments-governats-per-batles-i-batlesses-socialistes\/\">\n\t<\/aside>\n\t\t<\/article>\n<\/div>\n<div class=\"small-12 large-4 columns\">\n\t<article itemscope itemtype=\"http:\/\/schema.org\/Article\" class=\"post blog-style7 alt post-28241 type-post status-publish format-standard has-post-thumbnail hentry category-consell-de-mallorca category-federacio-de-mallorca category-federacio-de-mallorca-portada category-municipis category-portada tag-agrupacio-socialista-de-soller tag-catalina-cladera tag-consell-de-mallorca tag-jaume-mateu tag-juana-m-adrover tag-serra-de-tramuntana\" role=\"article\">\n\t\t<figure class=\"post-gallery\"><img loading=\"lazy\" decoding=\"async\" width=\"600\" height=\"400\" src=\"https:\/\/www.psib-psoe.org\/mallorca\/wp-content\/uploads\/Cooperativa-4-socialistes-600x400.jpeg\" class=\"attachment-notio-general-x2 size-notio-general-x2 wp-post-image\" alt=\"\" srcset=\"https:\/\/www.psib-psoe.org\/mallorca\/wp-content\/uploads\/Cooperativa-4-socialistes-600x400.jpeg 600w, https:\/\/www.psib-psoe.org\/mallorca\/wp-content\/uploads\/Cooperativa-4-socialistes-300x200.jpeg 300w, https:\/\/www.psib-psoe.org\/mallorca\/wp-content\/uploads\/Cooperativa-4-socialistes-900x600.jpeg 900w, https:\/\/www.psib-psoe.org\/mallorca\/wp-content\/uploads\/Cooperativa-4-socialistes-20x13.jpeg 20w\" sizes=\"(max-width: 600px) 100vw, 600px\" \/><\/figure>\n\t\t<div class=\"blog-top\">\n\t\t\t<header class=\"post-title entry-header\">\n\t\t\t\t<aside class=\"post-meta cf\">\n\t\t31\/01\/2024 \/ <a href=\"https:\/\/www.psib-psoe.org\/mallorca\/category\/consell-de-mallorca\/\" rel=\"category tag\">Consell de Mallorca<\/a>, <a href=\"https:\/\/www.psib-psoe.org\/mallorca\/category\/federacio-de-mallorca\/\" rel=\"category tag\">Federaci\u00f3 de Mallorca<\/a>, <a href=\"https:\/\/www.psib-psoe.org\/mallorca\/category\/federacio-de-mallorca-portada\/\" rel=\"category tag\">Federaci\u00f3 de Mallorca - Portada<\/a>, <a href=\"https:\/\/www.psib-psoe.org\/mallorca\/category\/municipis\/\" rel=\"category tag\">Municipis<\/a>, <a href=\"https:\/\/www.psib-psoe.org\/mallorca\/category\/portada\/\" rel=\"category tag\">Portada<\/a><\/aside>\n\t\t\t\t<h3 itemprop=\"headline\"><a href=\"https:\/\/www.psib-psoe.org\/mallorca\/els-socialistes-denuncien-el-tancament-de-loficina-dagricultura-a-soller-i-en-reclamen-la-immediata-reobertura\/\" title=\"Els socialistes denuncien el tancament de l&#8217;oficina d\u2019Agricultura a S\u00f3ller i en reclamen la immediata reobertura.\">Els socialistes denuncien el tancament de l&#8217;oficina d\u2019Agricultura a S\u00f3ller i en reclamen la immediata reobertura.<\/a><\/h3>\n\t\t\t<\/header>\n\t\t<\/div>\n\t\t<div class=\"post-content\">\n\t\t\t<a href=\"https:\/\/www.psib-psoe.org\/mallorca\/els-socialistes-denuncien-el-tancament-de-loficina-dagricultura-a-soller-i-en-reclamen-la-immediata-reobertura\/\" class=\"more-link\">Read More<\/a>\n\t\t<\/div>\n\t\t\t<aside class=\"post-bottom-meta hide\">\n\t\t<strong rel=\"author\" itemprop=\"author\" class=\"author vcard\"><span class=\"fn\">Albert<\/span><\/strong>\n\t\t<time class=\"date published time\" datetime=\"2024-01-31T18:12:02+02:00\" itemprop=\"datePublished\" content=\"2024-01-31T18:12:02+02:00\">31\/01\/2024<\/time>\n\t\t<meta itemprop=\"dateModified\" class=\"date updated\" content=\"2024-10-14T11:41:14+02:00\">\n\t\t<span class=\"hide\" itemprop=\"publisher\" itemscope itemtype=\"https:\/\/schema.org\/Organization\">\n\t\t\t<meta itemprop=\"name\" content=\"SocialistesdMca\">\n\t\t\t<span itemprop=\"logo\" itemscope itemtype=\"https:\/\/schema.org\/ImageObject\">\n\t\t\t\t<meta itemprop=\"url\" content=\"https:\/\/www.psib-psoe.org\/mallorca\/wp-content\/themes\/notio-wp\/assets\/img\/logo.png\">\n\t\t\t<\/span>\n\t\t\t<meta itemprop=\"url\" content=\"https:\/\/www.psib-psoe.org\/mallorca\/\">\n\t\t<\/span>\n\t\t\t\t<span class=\"hide\" itemprop=\"image\" itemscope itemtype=\"http:\/\/schema.org\/ImageObject\">\n\t\t\t<meta itemprop=\"url\" content=\"https:\/\/www.psib-psoe.org\/mallorca\/wp-content\/uploads\/Cooperativa-4-socialistes.jpeg\">\n\t\t\t<meta itemprop=\"width\" content=\"2000\">\n\t\t\t<meta itemprop=\"height\" content=\"900\">\n\t\t<\/span>\n\t\t\t\t<meta itemscope itemprop=\"mainEntityOfPage\" itemtype=\"https:\/\/schema.org\/WebPage\" itemid=\"https:\/\/www.psib-psoe.org\/mallorca\/els-socialistes-denuncien-el-tancament-de-loficina-dagricultura-a-soller-i-en-reclamen-la-immediata-reobertura\/\">\n\t<\/aside>\n\t\t<\/article>\n<\/div>\n<div class=\"small-12 large-4 columns\">\n\t<article itemscope itemtype=\"http:\/\/schema.org\/Article\" class=\"post blog-style7 alt post-28238 type-post status-publish format-standard has-post-thumbnail hentry category-consell-de-mallorca category-federacio-de-mallorca category-federacio-de-mallorca-portada category-portada tag-catalina-cladera tag-consell-de-mallorca\" role=\"article\">\n\t\t<figure class=\"post-gallery\"><img loading=\"lazy\" decoding=\"async\" width=\"600\" height=\"400\" src=\"https:\/\/www.psib-psoe.org\/mallorca\/wp-content\/uploads\/Decles-Cladera-100-via-cintura-600x400.jpg\" class=\"attachment-notio-general-x2 size-notio-general-x2 wp-post-image\" alt=\"\" srcset=\"https:\/\/www.psib-psoe.org\/mallorca\/wp-content\/uploads\/Decles-Cladera-100-via-cintura-600x400.jpg 600w, https:\/\/www.psib-psoe.org\/mallorca\/wp-content\/uploads\/Decles-Cladera-100-via-cintura-300x200.jpg 300w, https:\/\/www.psib-psoe.org\/mallorca\/wp-content\/uploads\/Decles-Cladera-100-via-cintura-900x600.jpg 900w, https:\/\/www.psib-psoe.org\/mallorca\/wp-content\/uploads\/Decles-Cladera-100-via-cintura-20x13.jpg 20w\" sizes=\"(max-width: 600px) 100vw, 600px\" \/><\/figure>\n\t\t<div class=\"blog-top\">\n\t\t\t<header class=\"post-title entry-header\">\n\t\t\t\t<aside class=\"post-meta cf\">\n\t\t31\/01\/2024 \/ <a href=\"https:\/\/www.psib-psoe.org\/mallorca\/category\/consell-de-mallorca\/\" rel=\"category tag\">Consell de Mallorca<\/a>, <a href=\"https:\/\/www.psib-psoe.org\/mallorca\/category\/federacio-de-mallorca\/\" rel=\"category tag\">Federaci\u00f3 de Mallorca<\/a>, <a href=\"https:\/\/www.psib-psoe.org\/mallorca\/category\/federacio-de-mallorca-portada\/\" rel=\"category tag\">Federaci\u00f3 de Mallorca - Portada<\/a>, <a href=\"https:\/\/www.psib-psoe.org\/mallorca\/category\/portada\/\" rel=\"category tag\">Portada<\/a><\/aside>\n\t\t\t\t<h3 itemprop=\"headline\"><a href=\"https:\/\/www.psib-psoe.org\/mallorca\/cladera-el-sr-galmes-ha-de-fer-feina-per-millorar-el-carril-bus-vao-i-deixar-de-posar-pals-a-les-rodes\/\" title=\"Cladera: &#8220;el sr. Galm\u00e9s ha de fer feina per millorar el carril Bus VAO i deixar de posar pals a les rodes.&#8221;\">Cladera: &#8220;el sr. Galm\u00e9s ha de fer feina per millorar el carril Bus VAO i deixar de posar pals a les rodes.&#8221;<\/a><\/h3>\n\t\t\t<\/header>\n\t\t<\/div>\n\t\t<div class=\"post-content\">\n\t\t\t<a href=\"https:\/\/www.psib-psoe.org\/mallorca\/cladera-el-sr-galmes-ha-de-fer-feina-per-millorar-el-carril-bus-vao-i-deixar-de-posar-pals-a-les-rodes\/\" class=\"more-link\">Read More<\/a>\n\t\t<\/div>\n\t\t\t<aside class=\"post-bottom-meta hide\">\n\t\t<strong rel=\"author\" itemprop=\"author\" class=\"author vcard\"><span class=\"fn\">Albert<\/span><\/strong>\n\t\t<time class=\"date published time\" datetime=\"2024-01-31T17:01:23+02:00\" itemprop=\"datePublished\" content=\"2024-01-31T17:01:23+02:00\">31\/01\/2024<\/time>\n\t\t<meta itemprop=\"dateModified\" class=\"date updated\" content=\"2024-10-14T11:41:14+02:00\">\n\t\t<span class=\"hide\" itemprop=\"publisher\" itemscope itemtype=\"https:\/\/schema.org\/Organization\">\n\t\t\t<meta itemprop=\"name\" content=\"SocialistesdMca\">\n\t\t\t<span itemprop=\"logo\" itemscope itemtype=\"https:\/\/schema.org\/ImageObject\">\n\t\t\t\t<meta itemprop=\"url\" content=\"https:\/\/www.psib-psoe.org\/mallorca\/wp-content\/themes\/notio-wp\/assets\/img\/logo.png\">\n\t\t\t<\/span>\n\t\t\t<meta itemprop=\"url\" content=\"https:\/\/www.psib-psoe.org\/mallorca\/\">\n\t\t<\/span>\n\t\t\t\t<span class=\"hide\" itemprop=\"image\" itemscope itemtype=\"http:\/\/schema.org\/ImageObject\">\n\t\t\t<meta itemprop=\"url\" content=\"https:\/\/www.psib-psoe.org\/mallorca\/wp-content\/uploads\/Decles-Cladera-100-via-cintura.jpg\">\n\t\t\t<meta itemprop=\"width\" content=\"4032\">\n\t\t\t<meta itemprop=\"height\" content=\"3024\">\n\t\t<\/span>\n\t\t\t\t<meta itemscope itemprop=\"mainEntityOfPage\" itemtype=\"https:\/\/schema.org\/WebPage\" itemid=\"https:\/\/www.psib-psoe.org\/mallorca\/cladera-el-sr-galmes-ha-de-fer-feina-per-millorar-el-carril-bus-vao-i-deixar-de-posar-pals-a-les-rodes\/\">\n\t<\/aside>\n\t\t<\/article>\n<\/div>\n<div class=\"small-12 large-4 columns\">\n\t<article itemscope itemtype=\"http:\/\/schema.org\/Article\" class=\"post blog-style7 alt post-28234 type-post status-publish format-standard has-post-thumbnail hentry category-consell-de-mallorca category-federacio-de-mallorca category-federacio-de-mallorca-portada category-municipis category-portada tag-agrupacio-socialista-dalcudia tag-barbara-rebassa tag-catalina-cladera tag-consell-de-mallorca tag-joan-gaspar-vallori\" role=\"article\">\n\t\t<figure class=\"post-gallery\"><img loading=\"lazy\" decoding=\"async\" width=\"600\" height=\"400\" src=\"https:\/\/www.psib-psoe.org\/mallorca\/wp-content\/uploads\/Alcanada-300124-1-600x400.jpeg\" class=\"attachment-notio-general-x2 size-notio-general-x2 wp-post-image\" alt=\"\" srcset=\"https:\/\/www.psib-psoe.org\/mallorca\/wp-content\/uploads\/Alcanada-300124-1-600x400.jpeg 600w, https:\/\/www.psib-psoe.org\/mallorca\/wp-content\/uploads\/Alcanada-300124-1-300x200.jpeg 300w, https:\/\/www.psib-psoe.org\/mallorca\/wp-content\/uploads\/Alcanada-300124-1-900x600.jpeg 900w, https:\/\/www.psib-psoe.org\/mallorca\/wp-content\/uploads\/Alcanada-300124-1-20x13.jpeg 20w\" sizes=\"(max-width: 600px) 100vw, 600px\" \/><\/figure>\n\t\t<div class=\"blog-top\">\n\t\t\t<header class=\"post-title entry-header\">\n\t\t\t\t<aside class=\"post-meta cf\">\n\t\t30\/01\/2024 \/ <a href=\"https:\/\/www.psib-psoe.org\/mallorca\/category\/consell-de-mallorca\/\" rel=\"category tag\">Consell de Mallorca<\/a>, <a href=\"https:\/\/www.psib-psoe.org\/mallorca\/category\/federacio-de-mallorca\/\" rel=\"category tag\">Federaci\u00f3 de Mallorca<\/a>, <a href=\"https:\/\/www.psib-psoe.org\/mallorca\/category\/federacio-de-mallorca-portada\/\" rel=\"category tag\">Federaci\u00f3 de Mallorca - Portada<\/a>, <a href=\"https:\/\/www.psib-psoe.org\/mallorca\/category\/municipis\/\" rel=\"category tag\">Municipis<\/a>, <a href=\"https:\/\/www.psib-psoe.org\/mallorca\/category\/portada\/\" rel=\"category tag\">Portada<\/a><\/aside>\n\t\t\t\t<h3 itemprop=\"headline\"><a href=\"https:\/\/www.psib-psoe.org\/mallorca\/els-socialistes-denuncien-que-ppvox-abandona-el-projecte-de-reconversio-de-la-central-termica-dalcanada\/\" title=\"Els socialistes denuncien que PPVOX abandona el projecte de reconversi\u00f3 de la central t\u00e8rmica  d&#8217;Alcanada\">Els socialistes denuncien que PPVOX abandona el projecte de reconversi\u00f3 de la central t\u00e8rmica  d&#8217;Alcanada<\/a><\/h3>\n\t\t\t<\/header>\n\t\t<\/div>\n\t\t<div class=\"post-content\">\n\t\t\t<a href=\"https:\/\/www.psib-psoe.org\/mallorca\/els-socialistes-denuncien-que-ppvox-abandona-el-projecte-de-reconversio-de-la-central-termica-dalcanada\/\" class=\"more-link\">Read More<\/a>\n\t\t<\/div>\n\t\t\t<aside class=\"post-bottom-meta hide\">\n\t\t<strong rel=\"author\" itemprop=\"author\" class=\"author vcard\"><span class=\"fn\">Albert<\/span><\/strong>\n\t\t<time class=\"date published time\" datetime=\"2024-01-30T14:03:03+02:00\" itemprop=\"datePublished\" content=\"2024-01-30T14:03:03+02:00\">30\/01\/2024<\/time>\n\t\t<meta itemprop=\"dateModified\" class=\"date updated\" content=\"2024-10-14T11:41:14+02:00\">\n\t\t<span class=\"hide\" itemprop=\"publisher\" itemscope itemtype=\"https:\/\/schema.org\/Organization\">\n\t\t\t<meta itemprop=\"name\" content=\"SocialistesdMca\">\n\t\t\t<span itemprop=\"logo\" itemscope itemtype=\"https:\/\/schema.org\/ImageObject\">\n\t\t\t\t<meta itemprop=\"url\" content=\"https:\/\/www.psib-psoe.org\/mallorca\/wp-content\/themes\/notio-wp\/assets\/img\/logo.png\">\n\t\t\t<\/span>\n\t\t\t<meta itemprop=\"url\" content=\"https:\/\/www.psib-psoe.org\/mallorca\/\">\n\t\t<\/span>\n\t\t\t\t<span class=\"hide\" itemprop=\"image\" itemscope itemtype=\"http:\/\/schema.org\/ImageObject\">\n\t\t\t<meta itemprop=\"url\" content=\"https:\/\/www.psib-psoe.org\/mallorca\/wp-content\/uploads\/Alcanada-300124-1.jpeg\">\n\t\t\t<meta itemprop=\"width\" content=\"1600\">\n\t\t\t<meta itemprop=\"height\" content=\"1200\">\n\t\t<\/span>\n\t\t\t\t<meta itemscope itemprop=\"mainEntityOfPage\" itemtype=\"https:\/\/schema.org\/WebPage\" itemid=\"https:\/\/www.psib-psoe.org\/mallorca\/els-socialistes-denuncien-que-ppvox-abandona-el-projecte-de-reconversio-de-la-central-termica-dalcanada\/\">\n\t<\/aside>\n\t\t<\/article>\n<\/div>\n<div class=\"small-12 large-4 columns\">\n\t<article itemscope itemtype=\"http:\/\/schema.org\/Article\" class=\"post blog-style7 alt post-28232 type-post status-publish format-standard has-post-thumbnail hentry category-federacio-de-mallorca category-federacio-de-mallorca-portada category-portada tag-consell-de-mallorca tag-socialistes-dandratx tag-toni-mir\" role=\"article\">\n\t\t<figure class=\"post-gallery\"><img loading=\"lazy\" decoding=\"async\" width=\"600\" height=\"400\" src=\"https:\/\/www.psib-psoe.org\/mallorca\/wp-content\/uploads\/171123-Regidors-socialistes-Andratx-600x400.jpeg\" class=\"attachment-notio-general-x2 size-notio-general-x2 wp-post-image\" alt=\"\" srcset=\"https:\/\/www.psib-psoe.org\/mallorca\/wp-content\/uploads\/171123-Regidors-socialistes-Andratx-600x400.jpeg 600w, https:\/\/www.psib-psoe.org\/mallorca\/wp-content\/uploads\/171123-Regidors-socialistes-Andratx-300x200.jpeg 300w, https:\/\/www.psib-psoe.org\/mallorca\/wp-content\/uploads\/171123-Regidors-socialistes-Andratx-20x13.jpeg 20w\" sizes=\"(max-width: 600px) 100vw, 600px\" \/><\/figure>\n\t\t<div class=\"blog-top\">\n\t\t\t<header class=\"post-title entry-header\">\n\t\t\t\t<aside class=\"post-meta cf\">\n\t\t26\/01\/2024 \/ <a href=\"https:\/\/www.psib-psoe.org\/mallorca\/category\/federacio-de-mallorca\/\" rel=\"category tag\">Federaci\u00f3 de Mallorca<\/a>, <a href=\"https:\/\/www.psib-psoe.org\/mallorca\/category\/federacio-de-mallorca-portada\/\" rel=\"category tag\">Federaci\u00f3 de Mallorca - Portada<\/a>, <a href=\"https:\/\/www.psib-psoe.org\/mallorca\/category\/portada\/\" rel=\"category tag\">Portada<\/a><\/aside>\n\t\t\t\t<h3 itemprop=\"headline\"><a href=\"https:\/\/www.psib-psoe.org\/mallorca\/els-socialistes-dandratx-aposten-per-unir-el-municipi-amb-camp-de-mar-i-peguera-a-traves-dun-passeig-de-vianants\/\" title=\"Els Socialistes d&#8217;Andratx aposten per unir el municipi amb Camp de Mar i Peguera a trav\u00e9s d&#8217;un passeig de vianants.\">Els Socialistes d&#8217;Andratx aposten per unir el municipi amb Camp de Mar i Peguera a trav\u00e9s d&#8217;un passeig de vianants.<\/a><\/h3>\n\t\t\t<\/header>\n\t\t<\/div>\n\t\t<div class=\"post-content\">\n\t\t\t<a href=\"https:\/\/www.psib-psoe.org\/mallorca\/els-socialistes-dandratx-aposten-per-unir-el-municipi-amb-camp-de-mar-i-peguera-a-traves-dun-passeig-de-vianants\/\" class=\"more-link\">Read More<\/a>\n\t\t<\/div>\n\t\t\t<aside class=\"post-bottom-meta hide\">\n\t\t<strong rel=\"author\" itemprop=\"author\" class=\"author vcard\"><span class=\"fn\">Albert<\/span><\/strong>\n\t\t<time class=\"date published time\" datetime=\"2024-01-26T11:59:14+02:00\" itemprop=\"datePublished\" content=\"2024-01-26T11:59:14+02:00\">26\/01\/2024<\/time>\n\t\t<meta itemprop=\"dateModified\" class=\"date updated\" content=\"2024-10-14T11:41:14+02:00\">\n\t\t<span class=\"hide\" itemprop=\"publisher\" itemscope itemtype=\"https:\/\/schema.org\/Organization\">\n\t\t\t<meta itemprop=\"name\" content=\"SocialistesdMca\">\n\t\t\t<span itemprop=\"logo\" itemscope itemtype=\"https:\/\/schema.org\/ImageObject\">\n\t\t\t\t<meta itemprop=\"url\" content=\"https:\/\/www.psib-psoe.org\/mallorca\/wp-content\/themes\/notio-wp\/assets\/img\/logo.png\">\n\t\t\t<\/span>\n\t\t\t<meta itemprop=\"url\" content=\"https:\/\/www.psib-psoe.org\/mallorca\/\">\n\t\t<\/span>\n\t\t\t\t<span class=\"hide\" itemprop=\"image\" itemscope itemtype=\"http:\/\/schema.org\/ImageObject\">\n\t\t\t<meta itemprop=\"url\" content=\"https:\/\/www.psib-psoe.org\/mallorca\/wp-content\/uploads\/171123-Regidors-socialistes-Andratx.jpeg\">\n\t\t\t<meta itemprop=\"width\" content=\"764\">\n\t\t\t<meta itemprop=\"height\" content=\"452\">\n\t\t<\/span>\n\t\t\t\t<meta itemscope itemprop=\"mainEntityOfPage\" itemtype=\"https:\/\/schema.org\/WebPage\" itemid=\"https:\/\/www.psib-psoe.org\/mallorca\/els-socialistes-dandratx-aposten-per-unir-el-municipi-amb-camp-de-mar-i-peguera-a-traves-dun-passeig-de-vianants\/\">\n\t<\/aside>\n\t\t<\/article>\n<\/div>\n<div class=\"small-12 large-4 columns\">\n\t<article itemscope itemtype=\"http:\/\/schema.org\/Article\" class=\"post blog-style7 alt post-28228 type-post status-publish format-standard has-post-thumbnail hentry category-consell-de-mallorca category-federacio-de-mallorca category-federacio-de-mallorca-portada category-portada category-senat tag-catalina-cladera tag-consell-de-mallorca tag-cosme-bonet tag-francina-armengol tag-iago-negueruela tag-psib-psoe\" role=\"article\">\n\t\t<figure class=\"post-gallery\"><img loading=\"lazy\" decoding=\"async\" width=\"600\" height=\"400\" src=\"https:\/\/www.psib-psoe.org\/mallorca\/wp-content\/uploads\/Fitur-1-600x400.jpeg\" class=\"attachment-notio-general-x2 size-notio-general-x2 wp-post-image\" alt=\"\" srcset=\"https:\/\/www.psib-psoe.org\/mallorca\/wp-content\/uploads\/Fitur-1-600x400.jpeg 600w, https:\/\/www.psib-psoe.org\/mallorca\/wp-content\/uploads\/Fitur-1-300x200.jpeg 300w, https:\/\/www.psib-psoe.org\/mallorca\/wp-content\/uploads\/Fitur-1-768x512.jpeg 768w, https:\/\/www.psib-psoe.org\/mallorca\/wp-content\/uploads\/Fitur-1-1024x682.jpeg 1024w, https:\/\/www.psib-psoe.org\/mallorca\/wp-content\/uploads\/Fitur-1-150x100.jpeg 150w, https:\/\/www.psib-psoe.org\/mallorca\/wp-content\/uploads\/Fitur-1-900x600.jpeg 900w, https:\/\/www.psib-psoe.org\/mallorca\/wp-content\/uploads\/Fitur-1-20x13.jpeg 20w, https:\/\/www.psib-psoe.org\/mallorca\/wp-content\/uploads\/Fitur-1.jpeg 1280w\" sizes=\"(max-width: 600px) 100vw, 600px\" \/><\/figure>\n\t\t<div class=\"blog-top\">\n\t\t\t<header class=\"post-title entry-header\">\n\t\t\t\t<aside class=\"post-meta cf\">\n\t\t24\/01\/2024 \/ <a href=\"https:\/\/www.psib-psoe.org\/mallorca\/category\/consell-de-mallorca\/\" rel=\"category tag\">Consell de Mallorca<\/a>, <a href=\"https:\/\/www.psib-psoe.org\/mallorca\/category\/federacio-de-mallorca\/\" rel=\"category tag\">Federaci\u00f3 de Mallorca<\/a>, <a href=\"https:\/\/www.psib-psoe.org\/mallorca\/category\/federacio-de-mallorca-portada\/\" rel=\"category tag\">Federaci\u00f3 de Mallorca - Portada<\/a>, <a href=\"https:\/\/www.psib-psoe.org\/mallorca\/category\/portada\/\" rel=\"category tag\">Portada<\/a>, <a href=\"https:\/\/www.psib-psoe.org\/mallorca\/category\/senat\/\" rel=\"category tag\">Senat<\/a><\/aside>\n\t\t\t\t<h3 itemprop=\"headline\"><a href=\"https:\/\/www.psib-psoe.org\/mallorca\/el-psib-lamenta-que-el-govern-prohens-arribi-a-fitur-sense-idees-i-amb-els-mateixos-projectes-que-va-presentar-a-londres\/\" title=\"El PSIB lamenta que el Govern Prohens arribi a Fitur sense idees i amb els mateixos projectes que va presentar a Londres\">El PSIB lamenta que el Govern Prohens arribi a Fitur sense idees i amb els mateixos projectes que va presentar a Londres<\/a><\/h3>\n\t\t\t<\/header>\n\t\t<\/div>\n\t\t<div class=\"post-content\">\n\t\t\t<a href=\"https:\/\/www.psib-psoe.org\/mallorca\/el-psib-lamenta-que-el-govern-prohens-arribi-a-fitur-sense-idees-i-amb-els-mateixos-projectes-que-va-presentar-a-londres\/\" class=\"more-link\">Read More<\/a>\n\t\t<\/div>\n\t\t\t<aside class=\"post-bottom-meta hide\">\n\t\t<strong rel=\"author\" itemprop=\"author\" class=\"author vcard\"><span class=\"fn\">Albert<\/span><\/strong>\n\t\t<time class=\"date published time\" datetime=\"2024-01-24T17:49:16+02:00\" itemprop=\"datePublished\" content=\"2024-01-24T17:49:16+02:00\">24\/01\/2024<\/time>\n\t\t<meta itemprop=\"dateModified\" class=\"date updated\" content=\"2024-10-14T11:41:14+02:00\">\n\t\t<span class=\"hide\" itemprop=\"publisher\" itemscope itemtype=\"https:\/\/schema.org\/Organization\">\n\t\t\t<meta itemprop=\"name\" content=\"SocialistesdMca\">\n\t\t\t<span itemprop=\"logo\" itemscope itemtype=\"https:\/\/schema.org\/ImageObject\">\n\t\t\t\t<meta itemprop=\"url\" content=\"https:\/\/www.psib-psoe.org\/mallorca\/wp-content\/themes\/notio-wp\/assets\/img\/logo.png\">\n\t\t\t<\/span>\n\t\t\t<meta itemprop=\"url\" content=\"https:\/\/www.psib-psoe.org\/mallorca\/\">\n\t\t<\/span>\n\t\t\t\t<span class=\"hide\" itemprop=\"image\" itemscope itemtype=\"http:\/\/schema.org\/ImageObject\">\n\t\t\t<meta itemprop=\"url\" content=\"https:\/\/www.psib-psoe.org\/mallorca\/wp-content\/uploads\/Fitur-1.jpeg\">\n\t\t\t<meta itemprop=\"width\" content=\"1280\">\n\t\t\t<meta itemprop=\"height\" content=\"853\">\n\t\t<\/span>\n\t\t\t\t<meta itemscope itemprop=\"mainEntityOfPage\" itemtype=\"https:\/\/schema.org\/WebPage\" itemid=\"https:\/\/www.psib-psoe.org\/mallorca\/el-psib-lamenta-que-el-govern-prohens-arribi-a-fitur-sense-idees-i-amb-els-mateixos-projectes-que-va-presentar-a-londres\/\">\n\t<\/aside>\n\t\t<\/article>\n<\/div>\n<div class=\"small-12 large-4 columns\">\n\t<article itemscope itemtype=\"http:\/\/schema.org\/Article\" class=\"post blog-style7 alt post-28226 type-post status-publish format-standard has-post-thumbnail hentry category-consell-de-mallorca category-federacio-de-mallorca category-federacio-de-mallorca-portada category-portada tag-catalina-cladera tag-consell-de-mallorca tag-psib-psoe\" role=\"article\">\n\t\t<figure class=\"post-gallery\"><img loading=\"lazy\" decoding=\"async\" width=\"600\" height=\"400\" src=\"https:\/\/www.psib-psoe.org\/mallorca\/wp-content\/uploads\/Decles-Cladera-100-via-cintura-600x400.jpg\" class=\"attachment-notio-general-x2 size-notio-general-x2 wp-post-image\" alt=\"\" srcset=\"https:\/\/www.psib-psoe.org\/mallorca\/wp-content\/uploads\/Decles-Cladera-100-via-cintura-600x400.jpg 600w, https:\/\/www.psib-psoe.org\/mallorca\/wp-content\/uploads\/Decles-Cladera-100-via-cintura-300x200.jpg 300w, https:\/\/www.psib-psoe.org\/mallorca\/wp-content\/uploads\/Decles-Cladera-100-via-cintura-900x600.jpg 900w, https:\/\/www.psib-psoe.org\/mallorca\/wp-content\/uploads\/Decles-Cladera-100-via-cintura-20x13.jpg 20w\" sizes=\"(max-width: 600px) 100vw, 600px\" \/><\/figure>\n\t\t<div class=\"blog-top\">\n\t\t\t<header class=\"post-title entry-header\">\n\t\t\t\t<aside class=\"post-meta cf\">\n\t\t19\/01\/2024 \/ <a href=\"https:\/\/www.psib-psoe.org\/mallorca\/category\/consell-de-mallorca\/\" rel=\"category tag\">Consell de Mallorca<\/a>, <a href=\"https:\/\/www.psib-psoe.org\/mallorca\/category\/federacio-de-mallorca\/\" rel=\"category tag\">Federaci\u00f3 de Mallorca<\/a>, <a href=\"https:\/\/www.psib-psoe.org\/mallorca\/category\/federacio-de-mallorca-portada\/\" rel=\"category tag\">Federaci\u00f3 de Mallorca - Portada<\/a>, <a href=\"https:\/\/www.psib-psoe.org\/mallorca\/category\/portada\/\" rel=\"category tag\">Portada<\/a><\/aside>\n\t\t\t\t<h3 itemprop=\"headline\"><a href=\"https:\/\/www.psib-psoe.org\/mallorca\/els-socialistes-aplaudeixen-que-govern-i-consell-mantinguin-el-projecte-de-millora-de-gestio-del-cicle-de-laigua-iniciat-durant-la-passada-legislatura\/\" title=\"Els Socialistes aplaudeixen que Govern i Consell mantinguin el projecte de millora de gesti\u00f3 del cicle de l&#8217;aigua iniciat durant la passada legislatura\">Els Socialistes aplaudeixen que Govern i Consell mantinguin el projecte de millora de gesti\u00f3 del cicle de l&#8217;aigua iniciat durant la passada legislatura<\/a><\/h3>\n\t\t\t<\/header>\n\t\t<\/div>\n\t\t<div class=\"post-content\">\n\t\t\t<a href=\"https:\/\/www.psib-psoe.org\/mallorca\/els-socialistes-aplaudeixen-que-govern-i-consell-mantinguin-el-projecte-de-millora-de-gestio-del-cicle-de-laigua-iniciat-durant-la-passada-legislatura\/\" class=\"more-link\">Read More<\/a>\n\t\t<\/div>\n\t\t\t<aside class=\"post-bottom-meta hide\">\n\t\t<strong rel=\"author\" itemprop=\"author\" class=\"author vcard\"><span class=\"fn\">Albert<\/span><\/strong>\n\t\t<time class=\"date published time\" datetime=\"2024-01-19T18:27:10+02:00\" itemprop=\"datePublished\" content=\"2024-01-19T18:27:10+02:00\">19\/01\/2024<\/time>\n\t\t<meta itemprop=\"dateModified\" class=\"date updated\" content=\"2024-10-14T11:41:14+02:00\">\n\t\t<span class=\"hide\" itemprop=\"publisher\" itemscope itemtype=\"https:\/\/schema.org\/Organization\">\n\t\t\t<meta itemprop=\"name\" content=\"SocialistesdMca\">\n\t\t\t<span itemprop=\"logo\" itemscope itemtype=\"https:\/\/schema.org\/ImageObject\">\n\t\t\t\t<meta itemprop=\"url\" content=\"https:\/\/www.psib-psoe.org\/mallorca\/wp-content\/themes\/notio-wp\/assets\/img\/logo.png\">\n\t\t\t<\/span>\n\t\t\t<meta itemprop=\"url\" content=\"https:\/\/www.psib-psoe.org\/mallorca\/\">\n\t\t<\/span>\n\t\t\t\t<span class=\"hide\" itemprop=\"image\" itemscope itemtype=\"http:\/\/schema.org\/ImageObject\">\n\t\t\t<meta itemprop=\"url\" content=\"https:\/\/www.psib-psoe.org\/mallorca\/wp-content\/uploads\/Decles-Cladera-100-via-cintura.jpg\">\n\t\t\t<meta itemprop=\"width\" content=\"4032\">\n\t\t\t<meta itemprop=\"height\" content=\"3024\">\n\t\t<\/span>\n\t\t\t\t<meta itemscope itemprop=\"mainEntityOfPage\" itemtype=\"https:\/\/schema.org\/WebPage\" itemid=\"https:\/\/www.psib-psoe.org\/mallorca\/els-socialistes-aplaudeixen-que-govern-i-consell-mantinguin-el-projecte-de-millora-de-gestio-del-cicle-de-laigua-iniciat-durant-la-passada-legislatura\/\">\n\t<\/aside>\n\t\t<\/article>\n<\/div>\n<div class=\"small-12 large-4 columns\">\n\t<article itemscope itemtype=\"http:\/\/schema.org\/Article\" class=\"post blog-style7 alt post-28224 type-post status-publish format-standard has-post-thumbnail hentry category-consell-de-mallorca category-federacio-de-mallorca category-federacio-de-mallorca-portada category-portada tag-consell-de-mallorca tag-psib-psoe\" role=\"article\">\n\t\t<figure class=\"post-gallery\"><img loading=\"lazy\" decoding=\"async\" width=\"600\" height=\"400\" src=\"https:\/\/www.psib-psoe.org\/mallorca\/wp-content\/uploads\/Disseny-sense-ti\u0301tol-5-600x400.jpg\" class=\"attachment-notio-general-x2 size-notio-general-x2 wp-post-image\" alt=\"\" srcset=\"https:\/\/www.psib-psoe.org\/mallorca\/wp-content\/uploads\/Disseny-sense-ti\u0301tol-5-600x400.jpg 600w, https:\/\/www.psib-psoe.org\/mallorca\/wp-content\/uploads\/Disseny-sense-ti\u0301tol-5-300x200.jpg 300w, https:\/\/www.psib-psoe.org\/mallorca\/wp-content\/uploads\/Disseny-sense-ti\u0301tol-5-900x600.jpg 900w, https:\/\/www.psib-psoe.org\/mallorca\/wp-content\/uploads\/Disseny-sense-ti\u0301tol-5-20x13.jpg 20w\" sizes=\"(max-width: 600px) 100vw, 600px\" \/><\/figure>\n\t\t<div class=\"blog-top\">\n\t\t\t<header class=\"post-title entry-header\">\n\t\t\t\t<aside class=\"post-meta cf\">\n\t\t19\/01\/2024 \/ <a href=\"https:\/\/www.psib-psoe.org\/mallorca\/category\/consell-de-mallorca\/\" rel=\"category tag\">Consell de Mallorca<\/a>, <a href=\"https:\/\/www.psib-psoe.org\/mallorca\/category\/federacio-de-mallorca\/\" rel=\"category tag\">Federaci\u00f3 de Mallorca<\/a>, <a href=\"https:\/\/www.psib-psoe.org\/mallorca\/category\/federacio-de-mallorca-portada\/\" rel=\"category tag\">Federaci\u00f3 de Mallorca - Portada<\/a>, <a href=\"https:\/\/www.psib-psoe.org\/mallorca\/category\/portada\/\" rel=\"category tag\">Portada<\/a><\/aside>\n\t\t\t\t<h3 itemprop=\"headline\"><a href=\"https:\/\/www.psib-psoe.org\/mallorca\/el-ppvox-de-galmes-naufraga-amb-la-gestio-de-la-inspeccio-tecnica-de-vehicles\/\" title=\"El PPVOX de Galm\u00e9s naufraga amb la gesti\u00f3 de la Inspecci\u00f3 T\u00e8cnica de Vehicles\">El PPVOX de Galm\u00e9s naufraga amb la gesti\u00f3 de la Inspecci\u00f3 T\u00e8cnica de Vehicles<\/a><\/h3>\n\t\t\t<\/header>\n\t\t<\/div>\n\t\t<div class=\"post-content\">\n\t\t\t<a href=\"https:\/\/www.psib-psoe.org\/mallorca\/el-ppvox-de-galmes-naufraga-amb-la-gestio-de-la-inspeccio-tecnica-de-vehicles\/\" class=\"more-link\">Read More<\/a>\n\t\t<\/div>\n\t\t\t<aside class=\"post-bottom-meta hide\">\n\t\t<strong rel=\"author\" itemprop=\"author\" class=\"author vcard\"><span class=\"fn\">Albert<\/span><\/strong>\n\t\t<time class=\"date published time\" datetime=\"2024-01-19T14:26:16+02:00\" itemprop=\"datePublished\" content=\"2024-01-19T14:26:16+02:00\">19\/01\/2024<\/time>\n\t\t<meta itemprop=\"dateModified\" class=\"date updated\" content=\"2024-10-14T11:41:14+02:00\">\n\t\t<span class=\"hide\" itemprop=\"publisher\" itemscope itemtype=\"https:\/\/schema.org\/Organization\">\n\t\t\t<meta itemprop=\"name\" content=\"SocialistesdMca\">\n\t\t\t<span itemprop=\"logo\" itemscope itemtype=\"https:\/\/schema.org\/ImageObject\">\n\t\t\t\t<meta itemprop=\"url\" content=\"https:\/\/www.psib-psoe.org\/mallorca\/wp-content\/themes\/notio-wp\/assets\/img\/logo.png\">\n\t\t\t<\/span>\n\t\t\t<meta itemprop=\"url\" content=\"https:\/\/www.psib-psoe.org\/mallorca\/\">\n\t\t<\/span>\n\t\t\t\t<span class=\"hide\" itemprop=\"image\" itemscope itemtype=\"http:\/\/schema.org\/ImageObject\">\n\t\t\t<meta itemprop=\"url\" content=\"https:\/\/www.psib-psoe.org\/mallorca\/wp-content\/uploads\/Disseny-sense-ti\u0301tol-5.jpg\">\n\t\t\t<meta itemprop=\"width\" content=\"1920\">\n\t\t\t<meta itemprop=\"height\" content=\"1080\">\n\t\t<\/span>\n\t\t\t\t<meta itemscope itemprop=\"mainEntityOfPage\" itemtype=\"https:\/\/schema.org\/WebPage\" itemid=\"https:\/\/www.psib-psoe.org\/mallorca\/el-ppvox-de-galmes-naufraga-amb-la-gestio-de-la-inspeccio-tecnica-de-vehicles\/\">\n\t<\/aside>\n\t\t<\/article>\n<\/div>\n<div class=\"small-12 large-4 columns\">\n\t<article itemscope itemtype=\"http:\/\/schema.org\/Article\" class=\"post blog-style7 alt post-28221 type-post status-publish format-standard has-post-thumbnail hentry category-consell-de-mallorca category-federacio-de-mallorca category-federacio-de-mallorca-portada category-portada tag-catalina-cladera tag-consell-de-mallorca tag-psib-psoe\" role=\"article\">\n\t\t<figure class=\"post-gallery\"><img loading=\"lazy\" decoding=\"async\" width=\"600\" height=\"400\" src=\"https:\/\/www.psib-psoe.org\/mallorca\/wp-content\/uploads\/Foto-declas-Bus-VAO-600x400.jpeg\" class=\"attachment-notio-general-x2 size-notio-general-x2 wp-post-image\" alt=\"\" srcset=\"https:\/\/www.psib-psoe.org\/mallorca\/wp-content\/uploads\/Foto-declas-Bus-VAO-600x400.jpeg 600w, https:\/\/www.psib-psoe.org\/mallorca\/wp-content\/uploads\/Foto-declas-Bus-VAO-300x200.jpeg 300w, https:\/\/www.psib-psoe.org\/mallorca\/wp-content\/uploads\/Foto-declas-Bus-VAO-900x600.jpeg 900w, https:\/\/www.psib-psoe.org\/mallorca\/wp-content\/uploads\/Foto-declas-Bus-VAO-20x13.jpeg 20w\" sizes=\"(max-width: 600px) 100vw, 600px\" \/><\/figure>\n\t\t<div class=\"blog-top\">\n\t\t\t<header class=\"post-title entry-header\">\n\t\t\t\t<aside class=\"post-meta cf\">\n\t\t18\/01\/2024 \/ <a href=\"https:\/\/www.psib-psoe.org\/mallorca\/category\/consell-de-mallorca\/\" rel=\"category tag\">Consell de Mallorca<\/a>, <a href=\"https:\/\/www.psib-psoe.org\/mallorca\/category\/federacio-de-mallorca\/\" rel=\"category tag\">Federaci\u00f3 de Mallorca<\/a>, <a href=\"https:\/\/www.psib-psoe.org\/mallorca\/category\/federacio-de-mallorca-portada\/\" rel=\"category tag\">Federaci\u00f3 de Mallorca - Portada<\/a>, <a href=\"https:\/\/www.psib-psoe.org\/mallorca\/category\/portada\/\" rel=\"category tag\">Portada<\/a><\/aside>\n\t\t\t\t<h3 itemprop=\"headline\"><a href=\"https:\/\/www.psib-psoe.org\/mallorca\/claderales-dades-de-la-dgt-que-hem-conegut-avui-avalen-que-el-carril-bus-vao-ha-aconseguit-contenir-el-transit-dentrada-a-palma\/\" title=\"Cladera:&#8221;Les dades de la DGT que hem conegut avui avalen que el carril Bus VAO ha aconseguit contenir el tr\u00e0nsit d&#8217;entrada a Palma&#8221;\">Cladera:&#8221;Les dades de la DGT que hem conegut avui avalen que el carril Bus VAO ha aconseguit contenir el tr\u00e0nsit d&#8217;entrada a Palma&#8221;<\/a><\/h3>\n\t\t\t<\/header>\n\t\t<\/div>\n\t\t<div class=\"post-content\">\n\t\t\t<a href=\"https:\/\/www.psib-psoe.org\/mallorca\/claderales-dades-de-la-dgt-que-hem-conegut-avui-avalen-que-el-carril-bus-vao-ha-aconseguit-contenir-el-transit-dentrada-a-palma\/\" class=\"more-link\">Read More<\/a>\n\t\t<\/div>\n\t\t\t<aside class=\"post-bottom-meta hide\">\n\t\t<strong rel=\"author\" itemprop=\"author\" class=\"author vcard\"><span class=\"fn\">Albert<\/span><\/strong>\n\t\t<time class=\"date published time\" datetime=\"2024-01-18T15:35:32+02:00\" itemprop=\"datePublished\" content=\"2024-01-18T15:35:32+02:00\">18\/01\/2024<\/time>\n\t\t<meta itemprop=\"dateModified\" class=\"date updated\" content=\"2024-10-14T11:41:14+02:00\">\n\t\t<span class=\"hide\" itemprop=\"publisher\" itemscope itemtype=\"https:\/\/schema.org\/Organization\">\n\t\t\t<meta itemprop=\"name\" content=\"SocialistesdMca\">\n\t\t\t<span itemprop=\"logo\" itemscope itemtype=\"https:\/\/schema.org\/ImageObject\">\n\t\t\t\t<meta itemprop=\"url\" content=\"https:\/\/www.psib-psoe.org\/mallorca\/wp-content\/themes\/notio-wp\/assets\/img\/logo.png\">\n\t\t\t<\/span>\n\t\t\t<meta itemprop=\"url\" content=\"https:\/\/www.psib-psoe.org\/mallorca\/\">\n\t\t<\/span>\n\t\t\t\t<span class=\"hide\" itemprop=\"image\" itemscope itemtype=\"http:\/\/schema.org\/ImageObject\">\n\t\t\t<meta itemprop=\"url\" content=\"https:\/\/www.psib-psoe.org\/mallorca\/wp-content\/uploads\/Foto-declas-Bus-VAO.jpeg\">\n\t\t\t<meta itemprop=\"width\" content=\"1600\">\n\t\t\t<meta itemprop=\"height\" content=\"1200\">\n\t\t<\/span>\n\t\t\t\t<meta itemscope itemprop=\"mainEntityOfPage\" itemtype=\"https:\/\/schema.org\/WebPage\" itemid=\"https:\/\/www.psib-psoe.org\/mallorca\/claderales-dades-de-la-dgt-que-hem-conegut-avui-avalen-que-el-carril-bus-vao-ha-aconseguit-contenir-el-transit-dentrada-a-palma\/\">\n\t<\/aside>\n\t\t<\/article>\n<\/div>\n<div class=\"small-12 large-4 columns\">\n\t<article itemscope itemtype=\"http:\/\/schema.org\/Article\" class=\"post blog-style7 alt post-28218 type-post status-publish format-standard has-post-thumbnail hentry category-consell-de-mallorca category-federacio-de-mallorca category-federacio-de-mallorca-portada category-portada tag-catalina-cladera tag-consell-de-mallorca tag-psib-psoe tag-sofia-alonso\" role=\"article\">\n\t\t<figure class=\"post-gallery\"><img loading=\"lazy\" decoding=\"async\" width=\"600\" height=\"400\" src=\"https:\/\/www.psib-psoe.org\/mallorca\/wp-content\/uploads\/Foto-4-2-600x400.jpeg\" class=\"attachment-notio-general-x2 size-notio-general-x2 wp-post-image\" alt=\"\" srcset=\"https:\/\/www.psib-psoe.org\/mallorca\/wp-content\/uploads\/Foto-4-2-600x400.jpeg 600w, https:\/\/www.psib-psoe.org\/mallorca\/wp-content\/uploads\/Foto-4-2-300x200.jpeg 300w, https:\/\/www.psib-psoe.org\/mallorca\/wp-content\/uploads\/Foto-4-2-900x600.jpeg 900w, https:\/\/www.psib-psoe.org\/mallorca\/wp-content\/uploads\/Foto-4-2-20x13.jpeg 20w\" sizes=\"(max-width: 600px) 100vw, 600px\" \/><\/figure>\n\t\t<div class=\"blog-top\">\n\t\t\t<header class=\"post-title entry-header\">\n\t\t\t\t<aside class=\"post-meta cf\">\n\t\t16\/01\/2024 \/ <a href=\"https:\/\/www.psib-psoe.org\/mallorca\/category\/consell-de-mallorca\/\" rel=\"category tag\">Consell de Mallorca<\/a>, <a href=\"https:\/\/www.psib-psoe.org\/mallorca\/category\/federacio-de-mallorca\/\" rel=\"category tag\">Federaci\u00f3 de Mallorca<\/a>, <a href=\"https:\/\/www.psib-psoe.org\/mallorca\/category\/federacio-de-mallorca-portada\/\" rel=\"category tag\">Federaci\u00f3 de Mallorca - Portada<\/a>, <a href=\"https:\/\/www.psib-psoe.org\/mallorca\/category\/portada\/\" rel=\"category tag\">Portada<\/a><\/aside>\n\t\t\t\t<h3 itemprop=\"headline\"><a href=\"https:\/\/www.psib-psoe.org\/mallorca\/la-denuncia-dels-socialistes-pel-collapse-dels-serveis-dinclusio-social-provoca-que-el-consell-de-mallorca-incrementi-les-places-fixes-datencio-a-les-persones-sense-sostre\/\" title=\"La den\u00fancia dels Socialistes pel col\u00b7lapse dels serveis d&#8217;inclusi\u00f3 social provoca que el Consell de Mallorca incrementi les places fixes d&#8217;atenci\u00f3 a les persones sense sostre.\">La den\u00fancia dels Socialistes pel col\u00b7lapse dels serveis d&#8217;inclusi\u00f3 social provoca que el Consell de Mallorca incrementi les places fixes d&#8217;atenci\u00f3 a les persones sense sostre.<\/a><\/h3>\n\t\t\t<\/header>\n\t\t<\/div>\n\t\t<div class=\"post-content\">\n\t\t\t<a href=\"https:\/\/www.psib-psoe.org\/mallorca\/la-denuncia-dels-socialistes-pel-collapse-dels-serveis-dinclusio-social-provoca-que-el-consell-de-mallorca-incrementi-les-places-fixes-datencio-a-les-persones-sense-sostre\/\" class=\"more-link\">Read More<\/a>\n\t\t<\/div>\n\t\t\t<aside class=\"post-bottom-meta hide\">\n\t\t<strong rel=\"author\" itemprop=\"author\" class=\"author vcard\"><span class=\"fn\">Albert<\/span><\/strong>\n\t\t<time class=\"date published time\" datetime=\"2024-01-16T10:47:12+02:00\" itemprop=\"datePublished\" content=\"2024-01-16T10:47:12+02:00\">16\/01\/2024<\/time>\n\t\t<meta itemprop=\"dateModified\" class=\"date updated\" content=\"2024-10-14T11:41:14+02:00\">\n\t\t<span class=\"hide\" itemprop=\"publisher\" itemscope itemtype=\"https:\/\/schema.org\/Organization\">\n\t\t\t<meta itemprop=\"name\" content=\"SocialistesdMca\">\n\t\t\t<span itemprop=\"logo\" itemscope itemtype=\"https:\/\/schema.org\/ImageObject\">\n\t\t\t\t<meta itemprop=\"url\" content=\"https:\/\/www.psib-psoe.org\/mallorca\/wp-content\/themes\/notio-wp\/assets\/img\/logo.png\">\n\t\t\t<\/span>\n\t\t\t<meta itemprop=\"url\" content=\"https:\/\/www.psib-psoe.org\/mallorca\/\">\n\t\t<\/span>\n\t\t\t\t<span class=\"hide\" itemprop=\"image\" itemscope itemtype=\"http:\/\/schema.org\/ImageObject\">\n\t\t\t<meta itemprop=\"url\" content=\"https:\/\/www.psib-psoe.org\/mallorca\/wp-content\/uploads\/Foto-4-2.jpeg\">\n\t\t\t<meta itemprop=\"width\" content=\"2000\">\n\t\t\t<meta itemprop=\"height\" content=\"1128\">\n\t\t<\/span>\n\t\t\t\t<meta itemscope itemprop=\"mainEntityOfPage\" itemtype=\"https:\/\/schema.org\/WebPage\" itemid=\"https:\/\/www.psib-psoe.org\/mallorca\/la-denuncia-dels-socialistes-pel-collapse-dels-serveis-dinclusio-social-provoca-que-el-consell-de-mallorca-incrementi-les-places-fixes-datencio-a-les-persones-sense-sostre\/\">\n\t<\/aside>\n\t\t<\/article>\n<\/div>\n<div class=\"small-12 large-4 columns\">\n\t<article itemscope itemtype=\"http:\/\/schema.org\/Article\" class=\"post blog-style7 alt post-28204 type-post status-publish format-standard has-post-thumbnail hentry category-consell-de-mallorca category-federacio-de-mallorca category-federacio-de-mallorca-portada category-portada tag-catalina-cladera tag-consell-de-mallorca tag-psib-psoe\" role=\"article\">\n\t\t<figure class=\"post-gallery\"><img loading=\"lazy\" decoding=\"async\" width=\"600\" height=\"400\" src=\"https:\/\/www.psib-psoe.org\/mallorca\/wp-content\/uploads\/Foto-1-4-600x400.jpeg\" class=\"attachment-notio-general-x2 size-notio-general-x2 wp-post-image\" alt=\"\" srcset=\"https:\/\/www.psib-psoe.org\/mallorca\/wp-content\/uploads\/Foto-1-4-600x400.jpeg 600w, https:\/\/www.psib-psoe.org\/mallorca\/wp-content\/uploads\/Foto-1-4-300x200.jpeg 300w, https:\/\/www.psib-psoe.org\/mallorca\/wp-content\/uploads\/Foto-1-4-900x600.jpeg 900w, https:\/\/www.psib-psoe.org\/mallorca\/wp-content\/uploads\/Foto-1-4-20x13.jpeg 20w\" sizes=\"(max-width: 600px) 100vw, 600px\" \/><\/figure>\n\t\t<div class=\"blog-top\">\n\t\t\t<header class=\"post-title entry-header\">\n\t\t\t\t<aside class=\"post-meta cf\">\n\t\t11\/01\/2024 \/ <a href=\"https:\/\/www.psib-psoe.org\/mallorca\/category\/consell-de-mallorca\/\" rel=\"category tag\">Consell de Mallorca<\/a>, <a href=\"https:\/\/www.psib-psoe.org\/mallorca\/category\/federacio-de-mallorca\/\" rel=\"category tag\">Federaci\u00f3 de Mallorca<\/a>, <a href=\"https:\/\/www.psib-psoe.org\/mallorca\/category\/federacio-de-mallorca-portada\/\" rel=\"category tag\">Federaci\u00f3 de Mallorca - Portada<\/a>, <a href=\"https:\/\/www.psib-psoe.org\/mallorca\/category\/portada\/\" rel=\"category tag\">Portada<\/a><\/aside>\n\t\t\t\t<h3 itemprop=\"headline\"><a href=\"https:\/\/www.psib-psoe.org\/mallorca\/lactitud-de-lequip-de-govern-ppvox-al-ple-de-gener-denota-la-paralisi-en-la-gestio-del-consell-de-mallorca\/\" title=\"L&#8217;actitud de l&#8217;equip de govern PPVOX al ple de gener denota la par\u00e0lisi en la gesti\u00f3 del Consell de Mallorca\">L&#8217;actitud de l&#8217;equip de govern PPVOX al ple de gener denota la par\u00e0lisi en la gesti\u00f3 del Consell de Mallorca<\/a><\/h3>\n\t\t\t<\/header>\n\t\t<\/div>\n\t\t<div class=\"post-content\">\n\t\t\t<a href=\"https:\/\/www.psib-psoe.org\/mallorca\/lactitud-de-lequip-de-govern-ppvox-al-ple-de-gener-denota-la-paralisi-en-la-gestio-del-consell-de-mallorca\/\" class=\"more-link\">Read More<\/a>\n\t\t<\/div>\n\t\t\t<aside class=\"post-bottom-meta hide\">\n\t\t<strong rel=\"author\" itemprop=\"author\" class=\"author vcard\"><span class=\"fn\">Albert<\/span><\/strong>\n\t\t<time class=\"date published time\" datetime=\"2024-01-11T17:46:19+02:00\" itemprop=\"datePublished\" content=\"2024-01-11T17:46:19+02:00\">11\/01\/2024<\/time>\n\t\t<meta itemprop=\"dateModified\" class=\"date updated\" content=\"2024-10-14T11:41:14+02:00\">\n\t\t<span class=\"hide\" itemprop=\"publisher\" itemscope itemtype=\"https:\/\/schema.org\/Organization\">\n\t\t\t<meta itemprop=\"name\" content=\"SocialistesdMca\">\n\t\t\t<span itemprop=\"logo\" itemscope itemtype=\"https:\/\/schema.org\/ImageObject\">\n\t\t\t\t<meta itemprop=\"url\" content=\"https:\/\/www.psib-psoe.org\/mallorca\/wp-content\/themes\/notio-wp\/assets\/img\/logo.png\">\n\t\t\t<\/span>\n\t\t\t<meta itemprop=\"url\" content=\"https:\/\/www.psib-psoe.org\/mallorca\/\">\n\t\t<\/span>\n\t\t\t\t<span class=\"hide\" itemprop=\"image\" itemscope itemtype=\"http:\/\/schema.org\/ImageObject\">\n\t\t\t<meta itemprop=\"url\" content=\"https:\/\/www.psib-psoe.org\/mallorca\/wp-content\/uploads\/Foto-1-4.jpeg\">\n\t\t\t<meta itemprop=\"width\" content=\"2048\">\n\t\t\t<meta itemprop=\"height\" content=\"1536\">\n\t\t<\/span>\n\t\t\t\t<meta itemscope itemprop=\"mainEntityOfPage\" itemtype=\"https:\/\/schema.org\/WebPage\" itemid=\"https:\/\/www.psib-psoe.org\/mallorca\/lactitud-de-lequip-de-govern-ppvox-al-ple-de-gener-denota-la-paralisi-en-la-gestio-del-consell-de-mallorca\/\">\n\t<\/aside>\n\t\t<\/article>\n<\/div>\n<div class=\"small-12 large-4 columns\">\n\t<article itemscope itemtype=\"http:\/\/schema.org\/Article\" class=\"post blog-style7 alt post-28197 type-post status-publish format-standard has-post-thumbnail hentry category-consell-de-mallorca category-federacio-de-mallorca category-federacio-de-mallorca-portada category-portada tag-catalina-cladera tag-consell-de-mallorca tag-psib-psoe\" role=\"article\">\n\t\t<figure class=\"post-gallery\"><img loading=\"lazy\" decoding=\"async\" width=\"600\" height=\"400\" src=\"https:\/\/www.psib-psoe.org\/mallorca\/wp-content\/uploads\/ple-gener-3-e1704885128673-600x400.jpeg\" class=\"attachment-notio-general-x2 size-notio-general-x2 wp-post-image\" alt=\"\" srcset=\"https:\/\/www.psib-psoe.org\/mallorca\/wp-content\/uploads\/ple-gener-3-e1704885128673-600x400.jpeg 600w, https:\/\/www.psib-psoe.org\/mallorca\/wp-content\/uploads\/ple-gener-3-e1704885128673-300x200.jpeg 300w, https:\/\/www.psib-psoe.org\/mallorca\/wp-content\/uploads\/ple-gener-3-e1704885128673-900x600.jpeg 900w, https:\/\/www.psib-psoe.org\/mallorca\/wp-content\/uploads\/ple-gener-3-e1704885128673-20x13.jpeg 20w\" sizes=\"(max-width: 600px) 100vw, 600px\" \/><\/figure>\n\t\t<div class=\"blog-top\">\n\t\t\t<header class=\"post-title entry-header\">\n\t\t\t\t<aside class=\"post-meta cf\">\n\t\t10\/01\/2024 \/ <a href=\"https:\/\/www.psib-psoe.org\/mallorca\/category\/consell-de-mallorca\/\" rel=\"category tag\">Consell de Mallorca<\/a>, <a href=\"https:\/\/www.psib-psoe.org\/mallorca\/category\/federacio-de-mallorca\/\" rel=\"category tag\">Federaci\u00f3 de Mallorca<\/a>, <a href=\"https:\/\/www.psib-psoe.org\/mallorca\/category\/federacio-de-mallorca-portada\/\" rel=\"category tag\">Federaci\u00f3 de Mallorca - Portada<\/a>, <a href=\"https:\/\/www.psib-psoe.org\/mallorca\/category\/portada\/\" rel=\"category tag\">Portada<\/a><\/aside>\n\t\t\t\t<h3 itemprop=\"headline\"><a href=\"https:\/\/www.psib-psoe.org\/mallorca\/cladera-al-sr-galmes-nomes-li-importa-posar-mes-cotxes-a-les-carreteres-de-mallorca-en-comptes-dabordar-els-problemes-reals-dels-ciutadans\/\" title=\"Cladera: &#8220;Al sr. Galm\u00e9s nom\u00e9s li importa posar m\u00e9s cotxes a les carreteres de Mallorca, en comptes d&#8217;abordar els problemes reals dels ciutadans&#8221;.\">Cladera: &#8220;Al sr. Galm\u00e9s nom\u00e9s li importa posar m\u00e9s cotxes a les carreteres de Mallorca, en comptes d&#8217;abordar els problemes reals dels ciutadans&#8221;.<\/a><\/h3>\n\t\t\t<\/header>\n\t\t<\/div>\n\t\t<div class=\"post-content\">\n\t\t\t<a href=\"https:\/\/www.psib-psoe.org\/mallorca\/cladera-al-sr-galmes-nomes-li-importa-posar-mes-cotxes-a-les-carreteres-de-mallorca-en-comptes-dabordar-els-problemes-reals-dels-ciutadans\/\" class=\"more-link\">Read More<\/a>\n\t\t<\/div>\n\t\t\t<aside class=\"post-bottom-meta hide\">\n\t\t<strong rel=\"author\" itemprop=\"author\" class=\"author vcard\"><span class=\"fn\">Albert<\/span><\/strong>\n\t\t<time class=\"date published time\" datetime=\"2024-01-10T13:17:09+02:00\" itemprop=\"datePublished\" content=\"2024-01-10T13:17:09+02:00\">10\/01\/2024<\/time>\n\t\t<meta itemprop=\"dateModified\" class=\"date updated\" content=\"2024-10-14T11:41:15+02:00\">\n\t\t<span class=\"hide\" itemprop=\"publisher\" itemscope itemtype=\"https:\/\/schema.org\/Organization\">\n\t\t\t<meta itemprop=\"name\" content=\"SocialistesdMca\">\n\t\t\t<span itemprop=\"logo\" itemscope itemtype=\"https:\/\/schema.org\/ImageObject\">\n\t\t\t\t<meta itemprop=\"url\" content=\"https:\/\/www.psib-psoe.org\/mallorca\/wp-content\/themes\/notio-wp\/assets\/img\/logo.png\">\n\t\t\t<\/span>\n\t\t\t<meta itemprop=\"url\" content=\"https:\/\/www.psib-psoe.org\/mallorca\/\">\n\t\t<\/span>\n\t\t\t\t<span class=\"hide\" itemprop=\"image\" itemscope itemtype=\"http:\/\/schema.org\/ImageObject\">\n\t\t\t<meta itemprop=\"url\" content=\"https:\/\/www.psib-psoe.org\/mallorca\/wp-content\/uploads\/ple-gener-3-e1704885128673.jpeg\">\n\t\t\t<meta itemprop=\"width\" content=\"2000\">\n\t\t\t<meta itemprop=\"height\" content=\"1128\">\n\t\t<\/span>\n\t\t\t\t<meta itemscope itemprop=\"mainEntityOfPage\" itemtype=\"https:\/\/schema.org\/WebPage\" itemid=\"https:\/\/www.psib-psoe.org\/mallorca\/cladera-al-sr-galmes-nomes-li-importa-posar-mes-cotxes-a-les-carreteres-de-mallorca-en-comptes-dabordar-els-problemes-reals-dels-ciutadans\/\">\n\t<\/aside>\n\t\t<\/article>\n<\/div>\n<div class=\"small-12 large-4 columns\">\n\t<article itemscope itemtype=\"http:\/\/schema.org\/Article\" class=\"post blog-style7 alt post-28193 type-post status-publish format-standard has-post-thumbnail hentry category-consell-de-mallorca category-federacio-de-mallorca category-federacio-de-mallorca-portada category-portada tag-catalina-cladera tag-consell-de-mallorca tag-psib-psoe\" role=\"article\">\n\t\t<figure class=\"post-gallery\"><img loading=\"lazy\" decoding=\"async\" width=\"600\" height=\"400\" src=\"https:\/\/www.psib-psoe.org\/mallorca\/wp-content\/uploads\/Parlament-Comissi\u00f3-Consells-600x400.jpeg\" class=\"attachment-notio-general-x2 size-notio-general-x2 wp-post-image\" alt=\"\" srcset=\"https:\/\/www.psib-psoe.org\/mallorca\/wp-content\/uploads\/Parlament-Comissi\u00f3-Consells-600x400.jpeg 600w, https:\/\/www.psib-psoe.org\/mallorca\/wp-content\/uploads\/Parlament-Comissi\u00f3-Consells-300x200.jpeg 300w, https:\/\/www.psib-psoe.org\/mallorca\/wp-content\/uploads\/Parlament-Comissi\u00f3-Consells-900x600.jpeg 900w, https:\/\/www.psib-psoe.org\/mallorca\/wp-content\/uploads\/Parlament-Comissi\u00f3-Consells-20x13.jpeg 20w\" sizes=\"(max-width: 600px) 100vw, 600px\" \/><\/figure>\n\t\t<div class=\"blog-top\">\n\t\t\t<header class=\"post-title entry-header\">\n\t\t\t\t<aside class=\"post-meta cf\">\n\t\t09\/01\/2024 \/ <a href=\"https:\/\/www.psib-psoe.org\/mallorca\/category\/consell-de-mallorca\/\" rel=\"category tag\">Consell de Mallorca<\/a>, <a href=\"https:\/\/www.psib-psoe.org\/mallorca\/category\/federacio-de-mallorca\/\" rel=\"category tag\">Federaci\u00f3 de Mallorca<\/a>, <a href=\"https:\/\/www.psib-psoe.org\/mallorca\/category\/federacio-de-mallorca-portada\/\" rel=\"category tag\">Federaci\u00f3 de Mallorca - Portada<\/a>, <a href=\"https:\/\/www.psib-psoe.org\/mallorca\/category\/portada\/\" rel=\"category tag\">Portada<\/a><\/aside>\n\t\t\t\t<h3 itemprop=\"headline\"><a href=\"https:\/\/www.psib-psoe.org\/mallorca\/cladera-reclama-el-traspas-de-les-competencies-en-materia-de-transport-terrestre-per-mallorca-en-la-comissio-de-consells-insulars-al-parlament\/\" title=\"Cladera reclama el trasp\u00e0s de les compet\u00e8ncies en mat\u00e8ria de transport terrestre per Mallorca, en la Comissi\u00f3 de Consells Insulars al Parlament\">Cladera reclama el trasp\u00e0s de les compet\u00e8ncies en mat\u00e8ria de transport terrestre per Mallorca, en la Comissi\u00f3 de Consells Insulars al Parlament<\/a><\/h3>\n\t\t\t<\/header>\n\t\t<\/div>\n\t\t<div class=\"post-content\">\n\t\t\t<a href=\"https:\/\/www.psib-psoe.org\/mallorca\/cladera-reclama-el-traspas-de-les-competencies-en-materia-de-transport-terrestre-per-mallorca-en-la-comissio-de-consells-insulars-al-parlament\/\" class=\"more-link\">Read More<\/a>\n\t\t<\/div>\n\t\t\t<aside class=\"post-bottom-meta hide\">\n\t\t<strong rel=\"author\" itemprop=\"author\" class=\"author vcard\"><span class=\"fn\">Albert<\/span><\/strong>\n\t\t<time class=\"date published time\" datetime=\"2024-01-09T18:37:41+02:00\" itemprop=\"datePublished\" content=\"2024-01-09T18:37:41+02:00\">09\/01\/2024<\/time>\n\t\t<meta itemprop=\"dateModified\" class=\"date updated\" content=\"2024-10-14T11:41:15+02:00\">\n\t\t<span class=\"hide\" itemprop=\"publisher\" itemscope itemtype=\"https:\/\/schema.org\/Organization\">\n\t\t\t<meta itemprop=\"name\" content=\"SocialistesdMca\">\n\t\t\t<span itemprop=\"logo\" itemscope itemtype=\"https:\/\/schema.org\/ImageObject\">\n\t\t\t\t<meta itemprop=\"url\" content=\"https:\/\/www.psib-psoe.org\/mallorca\/wp-content\/themes\/notio-wp\/assets\/img\/logo.png\">\n\t\t\t<\/span>\n\t\t\t<meta itemprop=\"url\" content=\"https:\/\/www.psib-psoe.org\/mallorca\/\">\n\t\t<\/span>\n\t\t\t\t<span class=\"hide\" itemprop=\"image\" itemscope itemtype=\"http:\/\/schema.org\/ImageObject\">\n\t\t\t<meta itemprop=\"url\" content=\"https:\/\/www.psib-psoe.org\/mallorca\/wp-content\/uploads\/Parlament-Comissi\u00f3-Consells.jpeg\">\n\t\t\t<meta itemprop=\"width\" content=\"2000\">\n\t\t\t<meta itemprop=\"height\" content=\"1128\">\n\t\t<\/span>\n\t\t\t\t<meta itemscope itemprop=\"mainEntityOfPage\" itemtype=\"https:\/\/schema.org\/WebPage\" itemid=\"https:\/\/www.psib-psoe.org\/mallorca\/cladera-reclama-el-traspas-de-les-competencies-en-materia-de-transport-terrestre-per-mallorca-en-la-comissio-de-consells-insulars-al-parlament\/\">\n\t<\/aside>\n\t\t<\/article>\n<\/div>\n<div class=\"small-12 large-4 columns\">\n\t<article itemscope itemtype=\"http:\/\/schema.org\/Article\" class=\"post blog-style7 alt post-28185 type-post status-publish format-standard has-post-thumbnail hentry category-consell-de-mallorca category-federacio-de-mallorca category-federacio-de-mallorca-portada category-portada tag-catalina-cladera tag-consell-de-mallorca tag-imas tag-psib-psoe tag-sofia-alonso\" role=\"article\">\n\t\t<figure class=\"post-gallery\"><img loading=\"lazy\" decoding=\"async\" width=\"600\" height=\"400\" src=\"https:\/\/www.psib-psoe.org\/mallorca\/wp-content\/uploads\/Fotos-ple-191023-3-600x400.jpeg\" class=\"attachment-notio-general-x2 size-notio-general-x2 wp-post-image\" alt=\"\" srcset=\"https:\/\/www.psib-psoe.org\/mallorca\/wp-content\/uploads\/Fotos-ple-191023-3-600x400.jpeg 600w, https:\/\/www.psib-psoe.org\/mallorca\/wp-content\/uploads\/Fotos-ple-191023-3-300x200.jpeg 300w, https:\/\/www.psib-psoe.org\/mallorca\/wp-content\/uploads\/Fotos-ple-191023-3-900x600.jpeg 900w, https:\/\/www.psib-psoe.org\/mallorca\/wp-content\/uploads\/Fotos-ple-191023-3-20x13.jpeg 20w\" sizes=\"(max-width: 600px) 100vw, 600px\" \/><\/figure>\n\t\t<div class=\"blog-top\">\n\t\t\t<header class=\"post-title entry-header\">\n\t\t\t\t<aside class=\"post-meta cf\">\n\t\t05\/01\/2024 \/ <a href=\"https:\/\/www.psib-psoe.org\/mallorca\/category\/consell-de-mallorca\/\" rel=\"category tag\">Consell de Mallorca<\/a>, <a href=\"https:\/\/www.psib-psoe.org\/mallorca\/category\/federacio-de-mallorca\/\" rel=\"category tag\">Federaci\u00f3 de Mallorca<\/a>, <a href=\"https:\/\/www.psib-psoe.org\/mallorca\/category\/federacio-de-mallorca-portada\/\" rel=\"category tag\">Federaci\u00f3 de Mallorca - Portada<\/a>, <a href=\"https:\/\/www.psib-psoe.org\/mallorca\/category\/portada\/\" rel=\"category tag\">Portada<\/a><\/aside>\n\t\t\t\t<h3 itemprop=\"headline\"><a href=\"https:\/\/www.psib-psoe.org\/mallorca\/la-manca-de-planificacio-de-limas-massifica-els-centres-datencio-a-les-persones-sense-llar-en-plena-onada-de-fred\/\" title=\"La manca de planificaci\u00f3 de l&#8217;IMAS massifica els centres d&#8217;atenci\u00f3 a les persones sense llar en plena onada de fred\">La manca de planificaci\u00f3 de l&#8217;IMAS massifica els centres d&#8217;atenci\u00f3 a les persones sense llar en plena onada de fred<\/a><\/h3>\n\t\t\t<\/header>\n\t\t<\/div>\n\t\t<div class=\"post-content\">\n\t\t\t<a href=\"https:\/\/www.psib-psoe.org\/mallorca\/la-manca-de-planificacio-de-limas-massifica-els-centres-datencio-a-les-persones-sense-llar-en-plena-onada-de-fred\/\" class=\"more-link\">Read More<\/a>\n\t\t<\/div>\n\t\t\t<aside class=\"post-bottom-meta hide\">\n\t\t<strong rel=\"author\" itemprop=\"author\" class=\"author vcard\"><span class=\"fn\">Socialistes de Mallorca<\/span><\/strong>\n\t\t<time class=\"date published time\" datetime=\"2024-01-05T13:24:21+02:00\" itemprop=\"datePublished\" content=\"2024-01-05T13:24:21+02:00\">05\/01\/2024<\/time>\n\t\t<meta itemprop=\"dateModified\" class=\"date updated\" content=\"2024-10-14T11:41:15+02:00\">\n\t\t<span class=\"hide\" itemprop=\"publisher\" itemscope itemtype=\"https:\/\/schema.org\/Organization\">\n\t\t\t<meta itemprop=\"name\" content=\"SocialistesdMca\">\n\t\t\t<span itemprop=\"logo\" itemscope itemtype=\"https:\/\/schema.org\/ImageObject\">\n\t\t\t\t<meta itemprop=\"url\" content=\"https:\/\/www.psib-psoe.org\/mallorca\/wp-content\/themes\/notio-wp\/assets\/img\/logo.png\">\n\t\t\t<\/span>\n\t\t\t<meta itemprop=\"url\" content=\"https:\/\/www.psib-psoe.org\/mallorca\/\">\n\t\t<\/span>\n\t\t\t\t<span class=\"hide\" itemprop=\"image\" itemscope itemtype=\"http:\/\/schema.org\/ImageObject\">\n\t\t\t<meta itemprop=\"url\" content=\"https:\/\/www.psib-psoe.org\/mallorca\/wp-content\/uploads\/Fotos-ple-191023-3.jpeg\">\n\t\t\t<meta itemprop=\"width\" content=\"2048\">\n\t\t\t<meta itemprop=\"height\" content=\"1536\">\n\t\t<\/span>\n\t\t\t\t<meta itemscope itemprop=\"mainEntityOfPage\" itemtype=\"https:\/\/schema.org\/WebPage\" itemid=\"https:\/\/www.psib-psoe.org\/mallorca\/la-manca-de-planificacio-de-limas-massifica-els-centres-datencio-a-les-persones-sense-llar-en-plena-onada-de-fred\/\">\n\t<\/aside>\n\t\t<\/article>\n<\/div>\n<div class=\"small-12 large-4 columns\">\n\t<article itemscope itemtype=\"http:\/\/schema.org\/Article\" class=\"post blog-style7 alt post-28173 type-post status-publish format-standard has-post-thumbnail hentry category-consell-de-mallorca category-federacio-de-mallorca category-federacio-de-mallorca-portada category-portada tag-catalina-cladera tag-consell-de-mallorca tag-psib-psoe\" role=\"article\">\n\t\t<figure class=\"post-gallery\"><img loading=\"lazy\" decoding=\"async\" width=\"600\" height=\"400\" src=\"https:\/\/www.psib-psoe.org\/mallorca\/wp-content\/uploads\/Llei-Serra-RdP-600x400.jpeg\" class=\"attachment-notio-general-x2 size-notio-general-x2 wp-post-image\" alt=\"\" srcset=\"https:\/\/www.psib-psoe.org\/mallorca\/wp-content\/uploads\/Llei-Serra-RdP-600x400.jpeg 600w, https:\/\/www.psib-psoe.org\/mallorca\/wp-content\/uploads\/Llei-Serra-RdP-300x200.jpeg 300w, https:\/\/www.psib-psoe.org\/mallorca\/wp-content\/uploads\/Llei-Serra-RdP-20x13.jpeg 20w, https:\/\/www.psib-psoe.org\/mallorca\/wp-content\/uploads\/Llei-Serra-RdP-900x600.jpeg 900w\" sizes=\"(max-width: 600px) 100vw, 600px\" \/><\/figure>\n\t\t<div class=\"blog-top\">\n\t\t\t<header class=\"post-title entry-header\">\n\t\t\t\t<aside class=\"post-meta cf\">\n\t\t29\/12\/2023 \/ <a href=\"https:\/\/www.psib-psoe.org\/mallorca\/category\/consell-de-mallorca\/\" rel=\"category tag\">Consell de Mallorca<\/a>, <a href=\"https:\/\/www.psib-psoe.org\/mallorca\/category\/federacio-de-mallorca\/\" rel=\"category tag\">Federaci\u00f3 de Mallorca<\/a>, <a href=\"https:\/\/www.psib-psoe.org\/mallorca\/category\/federacio-de-mallorca-portada\/\" rel=\"category tag\">Federaci\u00f3 de Mallorca - Portada<\/a>, <a href=\"https:\/\/www.psib-psoe.org\/mallorca\/category\/portada\/\" rel=\"category tag\">Portada<\/a><\/aside>\n\t\t\t\t<h3 itemprop=\"headline\"><a href=\"https:\/\/www.psib-psoe.org\/mallorca\/galmes-ha-dintercedir-amb-la-propietat-del-local-per-impedir-que-lassociacio-de-gent-gran-de-son-cladera-sigui-desnonada\/\" title=\"Galm\u00e9s ha d&#8217;intercedir amb la propietat del local per impedir que l&#8217;Associaci\u00f3 de Gent Gran de Son Cladera sigui desnonada.\">Galm\u00e9s ha d&#8217;intercedir amb la propietat del local per impedir que l&#8217;Associaci\u00f3 de Gent Gran de Son Cladera sigui desnonada.<\/a><\/h3>\n\t\t\t<\/header>\n\t\t<\/div>\n\t\t<div class=\"post-content\">\n\t\t\t<a href=\"https:\/\/www.psib-psoe.org\/mallorca\/galmes-ha-dintercedir-amb-la-propietat-del-local-per-impedir-que-lassociacio-de-gent-gran-de-son-cladera-sigui-desnonada\/\" class=\"more-link\">Read More<\/a>\n\t\t<\/div>\n\t\t\t<aside class=\"post-bottom-meta hide\">\n\t\t<strong rel=\"author\" itemprop=\"author\" class=\"author vcard\"><span class=\"fn\">Albert<\/span><\/strong>\n\t\t<time class=\"date published time\" datetime=\"2023-12-29T14:40:43+02:00\" itemprop=\"datePublished\" content=\"2023-12-29T14:40:43+02:00\">29\/12\/2023<\/time>\n\t\t<meta itemprop=\"dateModified\" class=\"date updated\" content=\"2024-10-14T11:41:15+02:00\">\n\t\t<span class=\"hide\" itemprop=\"publisher\" itemscope itemtype=\"https:\/\/schema.org\/Organization\">\n\t\t\t<meta itemprop=\"name\" content=\"SocialistesdMca\">\n\t\t\t<span itemprop=\"logo\" itemscope itemtype=\"https:\/\/schema.org\/ImageObject\">\n\t\t\t\t<meta itemprop=\"url\" content=\"https:\/\/www.psib-psoe.org\/mallorca\/wp-content\/themes\/notio-wp\/assets\/img\/logo.png\">\n\t\t\t<\/span>\n\t\t\t<meta itemprop=\"url\" content=\"https:\/\/www.psib-psoe.org\/mallorca\/\">\n\t\t<\/span>\n\t\t\t\t<span class=\"hide\" itemprop=\"image\" itemscope itemtype=\"http:\/\/schema.org\/ImageObject\">\n\t\t\t<meta itemprop=\"url\" content=\"https:\/\/www.psib-psoe.org\/mallorca\/wp-content\/uploads\/Llei-Serra-RdP.jpeg\">\n\t\t\t<meta itemprop=\"width\" content=\"1375\">\n\t\t\t<meta itemprop=\"height\" content=\"900\">\n\t\t<\/span>\n\t\t\t\t<meta itemscope itemprop=\"mainEntityOfPage\" itemtype=\"https:\/\/schema.org\/WebPage\" itemid=\"https:\/\/www.psib-psoe.org\/mallorca\/galmes-ha-dintercedir-amb-la-propietat-del-local-per-impedir-que-lassociacio-de-gent-gran-de-son-cladera-sigui-desnonada\/\">\n\t<\/aside>\n\t\t<\/article>\n<\/div>\n<div class=\"small-12 large-4 columns\">\n\t<article itemscope itemtype=\"http:\/\/schema.org\/Article\" class=\"post blog-style7 alt post-28165 type-post status-publish format-standard has-post-thumbnail hentry category-consell-de-mallorca category-federacio-de-mallorca category-federacio-de-mallorca-portada category-portada tag-catalina-cladera tag-consell-de-mallorca tag-psib-psoe\" role=\"article\">\n\t\t<figure class=\"post-gallery\"><img loading=\"lazy\" decoding=\"async\" width=\"600\" height=\"400\" src=\"https:\/\/www.psib-psoe.org\/mallorca\/wp-content\/uploads\/Ple-extr-press-desembre-23-600x400.jpeg\" class=\"attachment-notio-general-x2 size-notio-general-x2 wp-post-image\" alt=\"\" srcset=\"https:\/\/www.psib-psoe.org\/mallorca\/wp-content\/uploads\/Ple-extr-press-desembre-23-600x400.jpeg 600w, https:\/\/www.psib-psoe.org\/mallorca\/wp-content\/uploads\/Ple-extr-press-desembre-23-300x200.jpeg 300w, https:\/\/www.psib-psoe.org\/mallorca\/wp-content\/uploads\/Ple-extr-press-desembre-23-900x600.jpeg 900w, https:\/\/www.psib-psoe.org\/mallorca\/wp-content\/uploads\/Ple-extr-press-desembre-23-20x13.jpeg 20w\" sizes=\"(max-width: 600px) 100vw, 600px\" \/><\/figure>\n\t\t<div class=\"blog-top\">\n\t\t\t<header class=\"post-title entry-header\">\n\t\t\t\t<aside class=\"post-meta cf\">\n\t\t27\/12\/2023 \/ <a href=\"https:\/\/www.psib-psoe.org\/mallorca\/category\/consell-de-mallorca\/\" rel=\"category tag\">Consell de Mallorca<\/a>, <a href=\"https:\/\/www.psib-psoe.org\/mallorca\/category\/federacio-de-mallorca\/\" rel=\"category tag\">Federaci\u00f3 de Mallorca<\/a>, <a href=\"https:\/\/www.psib-psoe.org\/mallorca\/category\/federacio-de-mallorca-portada\/\" rel=\"category tag\">Federaci\u00f3 de Mallorca - Portada<\/a>, <a href=\"https:\/\/www.psib-psoe.org\/mallorca\/category\/portada\/\" rel=\"category tag\">Portada<\/a><\/aside>\n\t\t\t\t<h3 itemprop=\"headline\"><a href=\"https:\/\/www.psib-psoe.org\/mallorca\/els-socialistes-soposen-al-pressupost-ppvox-2024-del-consell-de-mallorca-per-que-estan-desquadrats-no-tenen-rumb-i-viuen-de-lherencia-del-passat\/\" title=\"Els socialistes s&#8217;oposen al pressupost PPVOX 2024 del Consell de Mallorca, per que &#8220;estan desquadrats, no tenen rumb i viuen de l&#8217;her\u00e8ncia del passat&#8221;.\">Els socialistes s&#8217;oposen al pressupost PPVOX 2024 del Consell de Mallorca, per que &#8220;estan desquadrats, no tenen rumb i viuen de l&#8217;her\u00e8ncia del passat&#8221;.<\/a><\/h3>\n\t\t\t<\/header>\n\t\t<\/div>\n\t\t<div class=\"post-content\">\n\t\t\t<a href=\"https:\/\/www.psib-psoe.org\/mallorca\/els-socialistes-soposen-al-pressupost-ppvox-2024-del-consell-de-mallorca-per-que-estan-desquadrats-no-tenen-rumb-i-viuen-de-lherencia-del-passat\/\" class=\"more-link\">Read More<\/a>\n\t\t<\/div>\n\t\t\t<aside class=\"post-bottom-meta hide\">\n\t\t<strong rel=\"author\" itemprop=\"author\" class=\"author vcard\"><span class=\"fn\">Albert<\/span><\/strong>\n\t\t<time class=\"date published time\" datetime=\"2023-12-27T22:56:31+02:00\" itemprop=\"datePublished\" content=\"2023-12-27T22:56:31+02:00\">27\/12\/2023<\/time>\n\t\t<meta itemprop=\"dateModified\" class=\"date updated\" content=\"2024-10-14T11:41:15+02:00\">\n\t\t<span class=\"hide\" itemprop=\"publisher\" itemscope itemtype=\"https:\/\/schema.org\/Organization\">\n\t\t\t<meta itemprop=\"name\" content=\"SocialistesdMca\">\n\t\t\t<span itemprop=\"logo\" itemscope itemtype=\"https:\/\/schema.org\/ImageObject\">\n\t\t\t\t<meta itemprop=\"url\" content=\"https:\/\/www.psib-psoe.org\/mallorca\/wp-content\/themes\/notio-wp\/assets\/img\/logo.png\">\n\t\t\t<\/span>\n\t\t\t<meta itemprop=\"url\" content=\"https:\/\/www.psib-psoe.org\/mallorca\/\">\n\t\t<\/span>\n\t\t\t\t<span class=\"hide\" itemprop=\"image\" itemscope itemtype=\"http:\/\/schema.org\/ImageObject\">\n\t\t\t<meta itemprop=\"url\" content=\"https:\/\/www.psib-psoe.org\/mallorca\/wp-content\/uploads\/Ple-extr-press-desembre-23.jpeg\">\n\t\t\t<meta itemprop=\"width\" content=\"4032\">\n\t\t\t<meta itemprop=\"height\" content=\"3024\">\n\t\t<\/span>\n\t\t\t\t<meta itemscope itemprop=\"mainEntityOfPage\" itemtype=\"https:\/\/schema.org\/WebPage\" itemid=\"https:\/\/www.psib-psoe.org\/mallorca\/els-socialistes-soposen-al-pressupost-ppvox-2024-del-consell-de-mallorca-per-que-estan-desquadrats-no-tenen-rumb-i-viuen-de-lherencia-del-passat\/\">\n\t<\/aside>\n\t\t<\/article>\n<\/div>\n<div class=\"small-12 large-4 columns\">\n\t<article itemscope itemtype=\"http:\/\/schema.org\/Article\" class=\"post blog-style7 alt post-28162 type-post status-publish format-standard has-post-thumbnail hentry category-consell-de-mallorca category-federacio-de-mallorca category-federacio-de-mallorca-portada category-portada tag-catalina-cladera tag-consell-de-mallorca tag-psib-psoe\" role=\"article\">\n\t\t<figure class=\"post-gallery\"><img loading=\"lazy\" decoding=\"async\" width=\"600\" height=\"400\" src=\"https:\/\/www.psib-psoe.org\/mallorca\/wp-content\/uploads\/Foto-1-1-600x400.jpeg\" class=\"attachment-notio-general-x2 size-notio-general-x2 wp-post-image\" alt=\"\" srcset=\"https:\/\/www.psib-psoe.org\/mallorca\/wp-content\/uploads\/Foto-1-1-600x400.jpeg 600w, https:\/\/www.psib-psoe.org\/mallorca\/wp-content\/uploads\/Foto-1-1-300x200.jpeg 300w, https:\/\/www.psib-psoe.org\/mallorca\/wp-content\/uploads\/Foto-1-1-900x600.jpeg 900w, https:\/\/www.psib-psoe.org\/mallorca\/wp-content\/uploads\/Foto-1-1-20x13.jpeg 20w\" sizes=\"(max-width: 600px) 100vw, 600px\" \/><\/figure>\n\t\t<div class=\"blog-top\">\n\t\t\t<header class=\"post-title entry-header\">\n\t\t\t\t<aside class=\"post-meta cf\">\n\t\t23\/12\/2023 \/ <a href=\"https:\/\/www.psib-psoe.org\/mallorca\/category\/consell-de-mallorca\/\" rel=\"category tag\">Consell de Mallorca<\/a>, <a href=\"https:\/\/www.psib-psoe.org\/mallorca\/category\/federacio-de-mallorca\/\" rel=\"category tag\">Federaci\u00f3 de Mallorca<\/a>, <a href=\"https:\/\/www.psib-psoe.org\/mallorca\/category\/federacio-de-mallorca-portada\/\" rel=\"category tag\">Federaci\u00f3 de Mallorca - Portada<\/a>, <a href=\"https:\/\/www.psib-psoe.org\/mallorca\/category\/portada\/\" rel=\"category tag\">Portada<\/a><\/aside>\n\t\t\t\t<h3 itemprop=\"headline\"><a href=\"https:\/\/www.psib-psoe.org\/mallorca\/cladera-el-govern-de-lestat-ha-estat-el-salvavides-de-la-incompetencia-pressupostaria-del-sr-galmes\/\" title=\"Cladera: &#8220;El Govern de l&#8217;Estat ha estat el salvavides de la incompet\u00e8ncia pressupost\u00e0ria del sr. Galm\u00e9s&#8221;\">Cladera: &#8220;El Govern de l&#8217;Estat ha estat el salvavides de la incompet\u00e8ncia pressupost\u00e0ria del sr. Galm\u00e9s&#8221;<\/a><\/h3>\n\t\t\t<\/header>\n\t\t<\/div>\n\t\t<div class=\"post-content\">\n\t\t\t<a href=\"https:\/\/www.psib-psoe.org\/mallorca\/cladera-el-govern-de-lestat-ha-estat-el-salvavides-de-la-incompetencia-pressupostaria-del-sr-galmes\/\" class=\"more-link\">Read More<\/a>\n\t\t<\/div>\n\t\t\t<aside class=\"post-bottom-meta hide\">\n\t\t<strong rel=\"author\" itemprop=\"author\" class=\"author vcard\"><span class=\"fn\">Albert<\/span><\/strong>\n\t\t<time class=\"date published time\" datetime=\"2023-12-23T11:35:25+02:00\" itemprop=\"datePublished\" content=\"2023-12-23T11:35:25+02:00\">23\/12\/2023<\/time>\n\t\t<meta itemprop=\"dateModified\" class=\"date updated\" content=\"2024-10-14T11:41:15+02:00\">\n\t\t<span class=\"hide\" itemprop=\"publisher\" itemscope itemtype=\"https:\/\/schema.org\/Organization\">\n\t\t\t<meta itemprop=\"name\" content=\"SocialistesdMca\">\n\t\t\t<span itemprop=\"logo\" itemscope itemtype=\"https:\/\/schema.org\/ImageObject\">\n\t\t\t\t<meta itemprop=\"url\" content=\"https:\/\/www.psib-psoe.org\/mallorca\/wp-content\/themes\/notio-wp\/assets\/img\/logo.png\">\n\t\t\t<\/span>\n\t\t\t<meta itemprop=\"url\" content=\"https:\/\/www.psib-psoe.org\/mallorca\/\">\n\t\t<\/span>\n\t\t\t\t<span class=\"hide\" itemprop=\"image\" itemscope itemtype=\"http:\/\/schema.org\/ImageObject\">\n\t\t\t<meta itemprop=\"url\" content=\"https:\/\/www.psib-psoe.org\/mallorca\/wp-content\/uploads\/Foto-1-1.jpeg\">\n\t\t\t<meta itemprop=\"width\" content=\"4032\">\n\t\t\t<meta itemprop=\"height\" content=\"3024\">\n\t\t<\/span>\n\t\t\t\t<meta itemscope itemprop=\"mainEntityOfPage\" itemtype=\"https:\/\/schema.org\/WebPage\" itemid=\"https:\/\/www.psib-psoe.org\/mallorca\/cladera-el-govern-de-lestat-ha-estat-el-salvavides-de-la-incompetencia-pressupostaria-del-sr-galmes\/\">\n\t<\/aside>\n\t\t<\/article>\n<\/div>\n<div class=\"small-12 large-4 columns\">\n\t<article itemscope itemtype=\"http:\/\/schema.org\/Article\" class=\"post blog-style7 alt post-28159 type-post status-publish format-standard has-post-thumbnail hentry category-consell-de-mallorca category-federacio-de-mallorca category-federacio-de-mallorca-portada category-municipis category-portada tag-agrupacio-socialista-dalgaida tag-catalina-cladera tag-consell-de-mallorca tag-francina-armengol tag-psib-psoe tag-xesc-miralles\" role=\"article\">\n\t\t<figure class=\"post-gallery\"><img loading=\"lazy\" decoding=\"async\" width=\"600\" height=\"400\" src=\"https:\/\/www.psib-psoe.org\/mallorca\/wp-content\/uploads\/Foto-1-2-600x400.jpeg\" class=\"attachment-notio-general-x2 size-notio-general-x2 wp-post-image\" alt=\"\" srcset=\"https:\/\/www.psib-psoe.org\/mallorca\/wp-content\/uploads\/Foto-1-2-600x400.jpeg 600w, https:\/\/www.psib-psoe.org\/mallorca\/wp-content\/uploads\/Foto-1-2-300x200.jpeg 300w, https:\/\/www.psib-psoe.org\/mallorca\/wp-content\/uploads\/Foto-1-2-768x512.jpeg 768w, https:\/\/www.psib-psoe.org\/mallorca\/wp-content\/uploads\/Foto-1-2-1024x682.jpeg 1024w, https:\/\/www.psib-psoe.org\/mallorca\/wp-content\/uploads\/Foto-1-2-150x100.jpeg 150w, https:\/\/www.psib-psoe.org\/mallorca\/wp-content\/uploads\/Foto-1-2-900x600.jpeg 900w, https:\/\/www.psib-psoe.org\/mallorca\/wp-content\/uploads\/Foto-1-2-20x13.jpeg 20w\" sizes=\"(max-width: 600px) 100vw, 600px\" \/><\/figure>\n\t\t<div class=\"blog-top\">\n\t\t\t<header class=\"post-title entry-header\">\n\t\t\t\t<aside class=\"post-meta cf\">\n\t\t21\/12\/2023 \/ <a href=\"https:\/\/www.psib-psoe.org\/mallorca\/category\/consell-de-mallorca\/\" rel=\"category tag\">Consell de Mallorca<\/a>, <a href=\"https:\/\/www.psib-psoe.org\/mallorca\/category\/federacio-de-mallorca\/\" rel=\"category tag\">Federaci\u00f3 de Mallorca<\/a>, <a href=\"https:\/\/www.psib-psoe.org\/mallorca\/category\/federacio-de-mallorca-portada\/\" rel=\"category tag\">Federaci\u00f3 de Mallorca - Portada<\/a>, <a href=\"https:\/\/www.psib-psoe.org\/mallorca\/category\/municipis\/\" rel=\"category tag\">Municipis<\/a>, <a href=\"https:\/\/www.psib-psoe.org\/mallorca\/category\/portada\/\" rel=\"category tag\">Portada<\/a><\/aside>\n\t\t\t\t<h3 itemprop=\"headline\"><a href=\"https:\/\/www.psib-psoe.org\/mallorca\/armengolel-canvi-de-prohens-era-lliurar-se-als-postulats-de-vox-no-permetrem-que-els-governs-de-la-dreta-manipulin-leducacio-facin-patir-infants-i-dones-i-posin-en-perill-la-pau-social\/\" title=\"Armengol:&#8221;el canvi de Prohens era lliurar-se als postulats de VOX. No permetrem que els governs de la dreta manipulin l&#8217;educaci\u00f3, facin patir infants i dones, i posin en perill la pau social&#8221;\">Armengol:&#8221;el canvi de Prohens era lliurar-se als postulats de VOX. No permetrem que els governs de la dreta manipulin l&#8217;educaci\u00f3, facin patir infants i dones, i posin en perill la pau social&#8221;<\/a><\/h3>\n\t\t\t<\/header>\n\t\t<\/div>\n\t\t<div class=\"post-content\">\n\t\t\t<a href=\"https:\/\/www.psib-psoe.org\/mallorca\/armengolel-canvi-de-prohens-era-lliurar-se-als-postulats-de-vox-no-permetrem-que-els-governs-de-la-dreta-manipulin-leducacio-facin-patir-infants-i-dones-i-posin-en-perill-la-pau-social\/\" class=\"more-link\">Read More<\/a>\n\t\t<\/div>\n\t\t\t<aside class=\"post-bottom-meta hide\">\n\t\t<strong rel=\"author\" itemprop=\"author\" class=\"author vcard\"><span class=\"fn\">Albert<\/span><\/strong>\n\t\t<time class=\"date published time\" datetime=\"2023-12-21T23:36:08+02:00\" itemprop=\"datePublished\" content=\"2023-12-21T23:36:08+02:00\">21\/12\/2023<\/time>\n\t\t<meta itemprop=\"dateModified\" class=\"date updated\" content=\"2024-10-14T11:41:15+02:00\">\n\t\t<span class=\"hide\" itemprop=\"publisher\" itemscope itemtype=\"https:\/\/schema.org\/Organization\">\n\t\t\t<meta itemprop=\"name\" content=\"SocialistesdMca\">\n\t\t\t<span itemprop=\"logo\" itemscope itemtype=\"https:\/\/schema.org\/ImageObject\">\n\t\t\t\t<meta itemprop=\"url\" content=\"https:\/\/www.psib-psoe.org\/mallorca\/wp-content\/themes\/notio-wp\/assets\/img\/logo.png\">\n\t\t\t<\/span>\n\t\t\t<meta itemprop=\"url\" content=\"https:\/\/www.psib-psoe.org\/mallorca\/\">\n\t\t<\/span>\n\t\t\t\t<span class=\"hide\" itemprop=\"image\" itemscope itemtype=\"http:\/\/schema.org\/ImageObject\">\n\t\t\t<meta itemprop=\"url\" content=\"https:\/\/www.psib-psoe.org\/mallorca\/wp-content\/uploads\/Foto-1-2.jpeg\">\n\t\t\t<meta itemprop=\"width\" content=\"2560\">\n\t\t\t<meta itemprop=\"height\" content=\"1706\">\n\t\t<\/span>\n\t\t\t\t<meta itemscope itemprop=\"mainEntityOfPage\" itemtype=\"https:\/\/schema.org\/WebPage\" itemid=\"https:\/\/www.psib-psoe.org\/mallorca\/armengolel-canvi-de-prohens-era-lliurar-se-als-postulats-de-vox-no-permetrem-que-els-governs-de-la-dreta-manipulin-leducacio-facin-patir-infants-i-dones-i-posin-en-perill-la-pau-social\/\">\n\t<\/aside>\n\t\t<\/article>\n<\/div>\n<div class=\"small-12 large-4 columns\">\n\t<article itemscope itemtype=\"http:\/\/schema.org\/Article\" class=\"post blog-style7 alt post-28156 type-post status-publish format-standard has-post-thumbnail hentry category-consell-de-mallorca category-federacio-de-mallorca category-municipis category-portada tag-consell-de-mallorca tag-imas tag-psib-psoe tag-sofia-alonso\" role=\"article\">\n\t\t<figure class=\"post-gallery\"><img loading=\"lazy\" decoding=\"async\" width=\"237\" height=\"332\" src=\"https:\/\/www.psib-psoe.org\/mallorca\/wp-content\/uploads\/Sofia.jpg\" class=\"attachment-notio-general-x2 size-notio-general-x2 wp-post-image\" alt=\"\" srcset=\"https:\/\/www.psib-psoe.org\/mallorca\/wp-content\/uploads\/Sofia.jpg 237w, https:\/\/www.psib-psoe.org\/mallorca\/wp-content\/uploads\/Sofia-214x300.jpg 214w, https:\/\/www.psib-psoe.org\/mallorca\/wp-content\/uploads\/Sofia-150x210.jpg 150w, https:\/\/www.psib-psoe.org\/mallorca\/wp-content\/uploads\/Sofia-20x28.jpg 20w\" sizes=\"(max-width: 237px) 100vw, 237px\" \/><\/figure>\n\t\t<div class=\"blog-top\">\n\t\t\t<header class=\"post-title entry-header\">\n\t\t\t\t<aside class=\"post-meta cf\">\n\t\t21\/12\/2023 \/ <a href=\"https:\/\/www.psib-psoe.org\/mallorca\/category\/consell-de-mallorca\/\" rel=\"category tag\">Consell de Mallorca<\/a>, <a href=\"https:\/\/www.psib-psoe.org\/mallorca\/category\/federacio-de-mallorca\/\" rel=\"category tag\">Federaci\u00f3 de Mallorca<\/a>, <a href=\"https:\/\/www.psib-psoe.org\/mallorca\/category\/municipis\/\" rel=\"category tag\">Municipis<\/a>, <a href=\"https:\/\/www.psib-psoe.org\/mallorca\/category\/portada\/\" rel=\"category tag\">Portada<\/a><\/aside>\n\t\t\t\t<h3 itemprop=\"headline\"><a href=\"https:\/\/www.psib-psoe.org\/mallorca\/els-socialistes-exigeixen-al-president-de-limas-que-proporcioni-un-sostre-digne-a-les-persones-que-dormen-al-carrer\/\" title=\"Els socialistes exigeixen al president de l&#8217;IMAS que proporcioni un sostre digne a les persones que dormen al carrer\">Els socialistes exigeixen al president de l&#8217;IMAS que proporcioni un sostre digne a les persones que dormen al carrer<\/a><\/h3>\n\t\t\t<\/header>\n\t\t<\/div>\n\t\t<div class=\"post-content\">\n\t\t\t<a href=\"https:\/\/www.psib-psoe.org\/mallorca\/els-socialistes-exigeixen-al-president-de-limas-que-proporcioni-un-sostre-digne-a-les-persones-que-dormen-al-carrer\/\" class=\"more-link\">Read More<\/a>\n\t\t<\/div>\n\t\t\t<aside class=\"post-bottom-meta hide\">\n\t\t<strong rel=\"author\" itemprop=\"author\" class=\"author vcard\"><span class=\"fn\">Albert<\/span><\/strong>\n\t\t<time class=\"date published time\" datetime=\"2023-12-21T17:20:26+02:00\" itemprop=\"datePublished\" content=\"2023-12-21T17:20:26+02:00\">21\/12\/2023<\/time>\n\t\t<meta itemprop=\"dateModified\" class=\"date updated\" content=\"2024-10-14T11:41:15+02:00\">\n\t\t<span class=\"hide\" itemprop=\"publisher\" itemscope itemtype=\"https:\/\/schema.org\/Organization\">\n\t\t\t<meta itemprop=\"name\" content=\"SocialistesdMca\">\n\t\t\t<span itemprop=\"logo\" itemscope itemtype=\"https:\/\/schema.org\/ImageObject\">\n\t\t\t\t<meta itemprop=\"url\" content=\"https:\/\/www.psib-psoe.org\/mallorca\/wp-content\/themes\/notio-wp\/assets\/img\/logo.png\">\n\t\t\t<\/span>\n\t\t\t<meta itemprop=\"url\" content=\"https:\/\/www.psib-psoe.org\/mallorca\/\">\n\t\t<\/span>\n\t\t\t\t<span class=\"hide\" itemprop=\"image\" itemscope itemtype=\"http:\/\/schema.org\/ImageObject\">\n\t\t\t<meta itemprop=\"url\" content=\"https:\/\/www.psib-psoe.org\/mallorca\/wp-content\/uploads\/Sofia.jpg\">\n\t\t\t<meta itemprop=\"width\" content=\"237\">\n\t\t\t<meta itemprop=\"height\" content=\"332\">\n\t\t<\/span>\n\t\t\t\t<meta itemscope itemprop=\"mainEntityOfPage\" itemtype=\"https:\/\/schema.org\/WebPage\" itemid=\"https:\/\/www.psib-psoe.org\/mallorca\/els-socialistes-exigeixen-al-president-de-limas-que-proporcioni-un-sostre-digne-a-les-persones-que-dormen-al-carrer\/\">\n\t<\/aside>\n\t\t<\/article>\n<\/div>\n<div class=\"small-12 large-4 columns\">\n\t<article itemscope itemtype=\"http:\/\/schema.org\/Article\" class=\"post blog-style7 alt post-28147 type-post status-publish format-standard has-post-thumbnail hentry category-consell-de-mallorca category-federacio-de-mallorca category-federacio-de-mallorca-portada category-portada tag-consell-de-mallorca tag-joan-ferrer tag-psib-psoe tag-teatre-principal\" role=\"article\">\n\t\t<figure class=\"post-gallery\"><img loading=\"lazy\" decoding=\"async\" width=\"600\" height=\"400\" src=\"https:\/\/www.psib-psoe.org\/mallorca\/wp-content\/uploads\/Ferrer-Principal-1-600x400.jpg\" class=\"attachment-notio-general-x2 size-notio-general-x2 wp-post-image\" alt=\"\" srcset=\"https:\/\/www.psib-psoe.org\/mallorca\/wp-content\/uploads\/Ferrer-Principal-1-600x400.jpg 600w, https:\/\/www.psib-psoe.org\/mallorca\/wp-content\/uploads\/Ferrer-Principal-1-300x200.jpg 300w, https:\/\/www.psib-psoe.org\/mallorca\/wp-content\/uploads\/Ferrer-Principal-1-900x600.jpg 900w, https:\/\/www.psib-psoe.org\/mallorca\/wp-content\/uploads\/Ferrer-Principal-1-20x13.jpg 20w\" sizes=\"(max-width: 600px) 100vw, 600px\" \/><\/figure>\n\t\t<div class=\"blog-top\">\n\t\t\t<header class=\"post-title entry-header\">\n\t\t\t\t<aside class=\"post-meta cf\">\n\t\t19\/12\/2023 \/ <a href=\"https:\/\/www.psib-psoe.org\/mallorca\/category\/consell-de-mallorca\/\" rel=\"category tag\">Consell de Mallorca<\/a>, <a href=\"https:\/\/www.psib-psoe.org\/mallorca\/category\/federacio-de-mallorca\/\" rel=\"category tag\">Federaci\u00f3 de Mallorca<\/a>, <a href=\"https:\/\/www.psib-psoe.org\/mallorca\/category\/federacio-de-mallorca-portada\/\" rel=\"category tag\">Federaci\u00f3 de Mallorca - Portada<\/a>, <a href=\"https:\/\/www.psib-psoe.org\/mallorca\/category\/portada\/\" rel=\"category tag\">Portada<\/a><\/aside>\n\t\t\t\t<h3 itemprop=\"headline\"><a href=\"https:\/\/www.psib-psoe.org\/mallorca\/els-socialistes-es-plantegen-impugnar-les-bases-de-la-convocatoria-per-la-nova-direccio-del-teatre-principal\/\" title=\"Els socialistes es plantegen impugnar les bases de la convocat\u00f2ria per la nova direcci\u00f3 del Teatre Principal\">Els socialistes es plantegen impugnar les bases de la convocat\u00f2ria per la nova direcci\u00f3 del Teatre Principal<\/a><\/h3>\n\t\t\t<\/header>\n\t\t<\/div>\n\t\t<div class=\"post-content\">\n\t\t\t<a href=\"https:\/\/www.psib-psoe.org\/mallorca\/els-socialistes-es-plantegen-impugnar-les-bases-de-la-convocatoria-per-la-nova-direccio-del-teatre-principal\/\" class=\"more-link\">Read More<\/a>\n\t\t<\/div>\n\t\t\t<aside class=\"post-bottom-meta hide\">\n\t\t<strong rel=\"author\" itemprop=\"author\" class=\"author vcard\"><span class=\"fn\">Albert<\/span><\/strong>\n\t\t<time class=\"date published time\" datetime=\"2023-12-19T14:08:55+02:00\" itemprop=\"datePublished\" content=\"2023-12-19T14:08:55+02:00\">19\/12\/2023<\/time>\n\t\t<meta itemprop=\"dateModified\" class=\"date updated\" content=\"2024-10-14T11:41:15+02:00\">\n\t\t<span class=\"hide\" itemprop=\"publisher\" itemscope itemtype=\"https:\/\/schema.org\/Organization\">\n\t\t\t<meta itemprop=\"name\" content=\"SocialistesdMca\">\n\t\t\t<span itemprop=\"logo\" itemscope itemtype=\"https:\/\/schema.org\/ImageObject\">\n\t\t\t\t<meta itemprop=\"url\" content=\"https:\/\/www.psib-psoe.org\/mallorca\/wp-content\/themes\/notio-wp\/assets\/img\/logo.png\">\n\t\t\t<\/span>\n\t\t\t<meta itemprop=\"url\" content=\"https:\/\/www.psib-psoe.org\/mallorca\/\">\n\t\t<\/span>\n\t\t\t\t<span class=\"hide\" itemprop=\"image\" itemscope itemtype=\"http:\/\/schema.org\/ImageObject\">\n\t\t\t<meta itemprop=\"url\" content=\"https:\/\/www.psib-psoe.org\/mallorca\/wp-content\/uploads\/Ferrer-Principal-1.jpg\">\n\t\t\t<meta itemprop=\"width\" content=\"2000\">\n\t\t\t<meta itemprop=\"height\" content=\"1128\">\n\t\t<\/span>\n\t\t\t\t<meta itemscope itemprop=\"mainEntityOfPage\" itemtype=\"https:\/\/schema.org\/WebPage\" itemid=\"https:\/\/www.psib-psoe.org\/mallorca\/els-socialistes-es-plantegen-impugnar-les-bases-de-la-convocatoria-per-la-nova-direccio-del-teatre-principal\/\">\n\t<\/aside>\n\t\t<\/article>\n<\/div>\n<div class=\"small-12 large-4 columns\">\n\t<article itemscope itemtype=\"http:\/\/schema.org\/Article\" class=\"post blog-style7 alt post-28142 type-post status-publish format-standard has-post-thumbnail hentry category-consell-de-mallorca category-federacio-de-mallorca category-federacio-de-mallorca-portada category-portada tag-catalina-cladera tag-consell-de-mallorca tag-palma tag-psib-psoe\" role=\"article\">\n\t\t<figure class=\"post-gallery\"><img loading=\"lazy\" decoding=\"async\" width=\"600\" height=\"400\" src=\"https:\/\/www.psib-psoe.org\/mallorca\/wp-content\/uploads\/Decles-Cladera-100-via-cintura-600x400.jpg\" class=\"attachment-notio-general-x2 size-notio-general-x2 wp-post-image\" alt=\"\" srcset=\"https:\/\/www.psib-psoe.org\/mallorca\/wp-content\/uploads\/Decles-Cladera-100-via-cintura-600x400.jpg 600w, https:\/\/www.psib-psoe.org\/mallorca\/wp-content\/uploads\/Decles-Cladera-100-via-cintura-300x200.jpg 300w, https:\/\/www.psib-psoe.org\/mallorca\/wp-content\/uploads\/Decles-Cladera-100-via-cintura-900x600.jpg 900w, https:\/\/www.psib-psoe.org\/mallorca\/wp-content\/uploads\/Decles-Cladera-100-via-cintura-20x13.jpg 20w\" sizes=\"(max-width: 600px) 100vw, 600px\" \/><\/figure>\n\t\t<div class=\"blog-top\">\n\t\t\t<header class=\"post-title entry-header\">\n\t\t\t\t<aside class=\"post-meta cf\">\n\t\t18\/12\/2023 \/ <a href=\"https:\/\/www.psib-psoe.org\/mallorca\/category\/consell-de-mallorca\/\" rel=\"category tag\">Consell de Mallorca<\/a>, <a href=\"https:\/\/www.psib-psoe.org\/mallorca\/category\/federacio-de-mallorca\/\" rel=\"category tag\">Federaci\u00f3 de Mallorca<\/a>, <a href=\"https:\/\/www.psib-psoe.org\/mallorca\/category\/federacio-de-mallorca-portada\/\" rel=\"category tag\">Federaci\u00f3 de Mallorca - Portada<\/a>, <a href=\"https:\/\/www.psib-psoe.org\/mallorca\/category\/portada\/\" rel=\"category tag\">Portada<\/a><\/aside>\n\t\t\t\t<h3 itemprop=\"headline\"><a href=\"https:\/\/www.psib-psoe.org\/mallorca\/el-sr-galmes-sera-el-responsable-dels-embossos-la-contaminacio-i-el-renou-als-accessos-a-palma\/\" title=\"El sr. Galm\u00e9s ser\u00e0 el responsable dels embossos, la contaminaci\u00f3 i el renou als accessos a Palma\">El sr. Galm\u00e9s ser\u00e0 el responsable dels embossos, la contaminaci\u00f3 i el renou als accessos a Palma<\/a><\/h3>\n\t\t\t<\/header>\n\t\t<\/div>\n\t\t<div class=\"post-content\">\n\t\t\t<a href=\"https:\/\/www.psib-psoe.org\/mallorca\/el-sr-galmes-sera-el-responsable-dels-embossos-la-contaminacio-i-el-renou-als-accessos-a-palma\/\" class=\"more-link\">Read More<\/a>\n\t\t<\/div>\n\t\t\t<aside class=\"post-bottom-meta hide\">\n\t\t<strong rel=\"author\" itemprop=\"author\" class=\"author vcard\"><span class=\"fn\">Albert<\/span><\/strong>\n\t\t<time class=\"date published time\" datetime=\"2023-12-18T18:51:57+02:00\" itemprop=\"datePublished\" content=\"2023-12-18T18:51:57+02:00\">18\/12\/2023<\/time>\n\t\t<meta itemprop=\"dateModified\" class=\"date updated\" content=\"2024-10-14T11:41:15+02:00\">\n\t\t<span class=\"hide\" itemprop=\"publisher\" itemscope itemtype=\"https:\/\/schema.org\/Organization\">\n\t\t\t<meta itemprop=\"name\" content=\"SocialistesdMca\">\n\t\t\t<span itemprop=\"logo\" itemscope itemtype=\"https:\/\/schema.org\/ImageObject\">\n\t\t\t\t<meta itemprop=\"url\" content=\"https:\/\/www.psib-psoe.org\/mallorca\/wp-content\/themes\/notio-wp\/assets\/img\/logo.png\">\n\t\t\t<\/span>\n\t\t\t<meta itemprop=\"url\" content=\"https:\/\/www.psib-psoe.org\/mallorca\/\">\n\t\t<\/span>\n\t\t\t\t<span class=\"hide\" itemprop=\"image\" itemscope itemtype=\"http:\/\/schema.org\/ImageObject\">\n\t\t\t<meta itemprop=\"url\" content=\"https:\/\/www.psib-psoe.org\/mallorca\/wp-content\/uploads\/Decles-Cladera-100-via-cintura.jpg\">\n\t\t\t<meta itemprop=\"width\" content=\"4032\">\n\t\t\t<meta itemprop=\"height\" content=\"3024\">\n\t\t<\/span>\n\t\t\t\t<meta itemscope itemprop=\"mainEntityOfPage\" itemtype=\"https:\/\/schema.org\/WebPage\" itemid=\"https:\/\/www.psib-psoe.org\/mallorca\/el-sr-galmes-sera-el-responsable-dels-embossos-la-contaminacio-i-el-renou-als-accessos-a-palma\/\">\n\t<\/aside>\n\t\t<\/article>\n<\/div>\n<div class=\"small-12 large-4 columns\">\n\t<article itemscope itemtype=\"http:\/\/schema.org\/Article\" class=\"post blog-style7 alt post-28137 type-post status-publish format-standard has-post-thumbnail hentry category-federacio-de-mallorca tag-federacio-socialista-de-mallorca\" role=\"article\">\n\t\t<figure class=\"post-gallery\"><img loading=\"lazy\" decoding=\"async\" width=\"600\" height=\"400\" src=\"https:\/\/www.psib-psoe.org\/mallorca\/wp-content\/uploads\/WhatsApp-Image-2023-12-15-at-10.08.58-600x400.jpeg\" class=\"attachment-notio-general-x2 size-notio-general-x2 wp-post-image\" alt=\"\" srcset=\"https:\/\/www.psib-psoe.org\/mallorca\/wp-content\/uploads\/WhatsApp-Image-2023-12-15-at-10.08.58-600x400.jpeg 600w, https:\/\/www.psib-psoe.org\/mallorca\/wp-content\/uploads\/WhatsApp-Image-2023-12-15-at-10.08.58-300x200.jpeg 300w, https:\/\/www.psib-psoe.org\/mallorca\/wp-content\/uploads\/WhatsApp-Image-2023-12-15-at-10.08.58-900x600.jpeg 900w, https:\/\/www.psib-psoe.org\/mallorca\/wp-content\/uploads\/WhatsApp-Image-2023-12-15-at-10.08.58-20x13.jpeg 20w\" sizes=\"(max-width: 600px) 100vw, 600px\" \/><\/figure>\n\t\t<div class=\"blog-top\">\n\t\t\t<header class=\"post-title entry-header\">\n\t\t\t\t<aside class=\"post-meta cf\">\n\t\t18\/12\/2023 \/ <a href=\"https:\/\/www.psib-psoe.org\/mallorca\/category\/federacio-de-mallorca\/\" rel=\"category tag\">Federaci\u00f3 de Mallorca<\/a><\/aside>\n\t\t\t\t<h3 itemprop=\"headline\"><a href=\"https:\/\/www.psib-psoe.org\/mallorca\/els-socialistes-aposten-per-un-nou-centre-de-primaria-a-sa-pobla-el-projecte-de-transicio-verda-dalcanada-i-lampliacio-del-centre-de-salut-dalcudia\/\" title=\"Els Socialistes aposten per un nou centre de prim\u00e0ria a sa Pobla, el projecte de transici\u00f3 verda d\u2019Alcanada i l\u2019ampliaci\u00f3 del centre de Salut d\u2019Alc\u00fadia\">Els Socialistes aposten per un nou centre de prim\u00e0ria a sa Pobla, el projecte de transici\u00f3 verda d\u2019Alcanada i l\u2019ampliaci\u00f3 del centre de Salut d\u2019Alc\u00fadia<\/a><\/h3>\n\t\t\t<\/header>\n\t\t<\/div>\n\t\t<div class=\"post-content\">\n\t\t\t<a href=\"https:\/\/www.psib-psoe.org\/mallorca\/els-socialistes-aposten-per-un-nou-centre-de-primaria-a-sa-pobla-el-projecte-de-transicio-verda-dalcanada-i-lampliacio-del-centre-de-salut-dalcudia\/\" class=\"more-link\">Read More<\/a>\n\t\t<\/div>\n\t\t\t<aside class=\"post-bottom-meta hide\">\n\t\t<strong rel=\"author\" itemprop=\"author\" class=\"author vcard\"><span class=\"fn\">adminpsib<\/span><\/strong>\n\t\t<time class=\"date published time\" datetime=\"2023-12-18T13:17:31+02:00\" itemprop=\"datePublished\" content=\"2023-12-18T13:17:31+02:00\">18\/12\/2023<\/time>\n\t\t<meta itemprop=\"dateModified\" class=\"date updated\" content=\"2024-10-14T11:41:15+02:00\">\n\t\t<span class=\"hide\" itemprop=\"publisher\" itemscope itemtype=\"https:\/\/schema.org\/Organization\">\n\t\t\t<meta itemprop=\"name\" content=\"SocialistesdMca\">\n\t\t\t<span itemprop=\"logo\" itemscope itemtype=\"https:\/\/schema.org\/ImageObject\">\n\t\t\t\t<meta itemprop=\"url\" content=\"https:\/\/www.psib-psoe.org\/mallorca\/wp-content\/themes\/notio-wp\/assets\/img\/logo.png\">\n\t\t\t<\/span>\n\t\t\t<meta itemprop=\"url\" content=\"https:\/\/www.psib-psoe.org\/mallorca\/\">\n\t\t<\/span>\n\t\t\t\t<span class=\"hide\" itemprop=\"image\" itemscope itemtype=\"http:\/\/schema.org\/ImageObject\">\n\t\t\t<meta itemprop=\"url\" content=\"https:\/\/www.psib-psoe.org\/mallorca\/wp-content\/uploads\/WhatsApp-Image-2023-12-15-at-10.08.58.jpeg\">\n\t\t\t<meta itemprop=\"width\" content=\"1600\">\n\t\t\t<meta itemprop=\"height\" content=\"902\">\n\t\t<\/span>\n\t\t\t\t<meta itemscope itemprop=\"mainEntityOfPage\" itemtype=\"https:\/\/schema.org\/WebPage\" itemid=\"https:\/\/www.psib-psoe.org\/mallorca\/els-socialistes-aposten-per-un-nou-centre-de-primaria-a-sa-pobla-el-projecte-de-transicio-verda-dalcanada-i-lampliacio-del-centre-de-salut-dalcudia\/\">\n\t<\/aside>\n\t\t<\/article>\n<\/div>\n<div class=\"small-12 large-4 columns\">\n\t<article itemscope itemtype=\"http:\/\/schema.org\/Article\" class=\"post blog-style7 alt post-28135 type-post status-publish format-standard has-post-thumbnail hentry category-federacio-de-mallorca tag-federacio-socialista-de-mallorca\" role=\"article\">\n\t\t<figure class=\"post-gallery\"><img loading=\"lazy\" decoding=\"async\" width=\"600\" height=\"400\" src=\"https:\/\/www.psib-psoe.org\/mallorca\/wp-content\/uploads\/psib-psoe-NEGATIU-vermell-600x400.png\" class=\"attachment-notio-general-x2 size-notio-general-x2 wp-post-image\" alt=\"\" srcset=\"https:\/\/www.psib-psoe.org\/mallorca\/wp-content\/uploads\/psib-psoe-NEGATIU-vermell-600x400.png 600w, https:\/\/www.psib-psoe.org\/mallorca\/wp-content\/uploads\/psib-psoe-NEGATIU-vermell-300x200.png 300w, https:\/\/www.psib-psoe.org\/mallorca\/wp-content\/uploads\/psib-psoe-NEGATIU-vermell-20x13.png 20w\" sizes=\"(max-width: 600px) 100vw, 600px\" \/><\/figure>\n\t\t<div class=\"blog-top\">\n\t\t\t<header class=\"post-title entry-header\">\n\t\t\t\t<aside class=\"post-meta cf\">\n\t\t17\/12\/2023 \/ <a href=\"https:\/\/www.psib-psoe.org\/mallorca\/category\/federacio-de-mallorca\/\" rel=\"category tag\">Federaci\u00f3 de Mallorca<\/a><\/aside>\n\t\t\t\t<h3 itemprop=\"headline\"><a href=\"https:\/\/www.psib-psoe.org\/mallorca\/el-psib-psoe-denuncia-que-el-pp-abandona-el-raiguer-i-el-pla-de-mallorca\/\" title=\"El PSIB-PSOE denuncia que el PP abandona el Raiguer i el Pla de Mallorca\">El PSIB-PSOE denuncia que el PP abandona el Raiguer i el Pla de Mallorca<\/a><\/h3>\n\t\t\t<\/header>\n\t\t<\/div>\n\t\t<div class=\"post-content\">\n\t\t\t<a href=\"https:\/\/www.psib-psoe.org\/mallorca\/el-psib-psoe-denuncia-que-el-pp-abandona-el-raiguer-i-el-pla-de-mallorca\/\" class=\"more-link\">Read More<\/a>\n\t\t<\/div>\n\t\t\t<aside class=\"post-bottom-meta hide\">\n\t\t<strong rel=\"author\" itemprop=\"author\" class=\"author vcard\"><span class=\"fn\">adminpsib<\/span><\/strong>\n\t\t<time class=\"date published time\" datetime=\"2023-12-17T13:27:20+02:00\" itemprop=\"datePublished\" content=\"2023-12-17T13:27:20+02:00\">17\/12\/2023<\/time>\n\t\t<meta itemprop=\"dateModified\" class=\"date updated\" content=\"2024-10-14T11:41:16+02:00\">\n\t\t<span class=\"hide\" itemprop=\"publisher\" itemscope itemtype=\"https:\/\/schema.org\/Organization\">\n\t\t\t<meta itemprop=\"name\" content=\"SocialistesdMca\">\n\t\t\t<span itemprop=\"logo\" itemscope itemtype=\"https:\/\/schema.org\/ImageObject\">\n\t\t\t\t<meta itemprop=\"url\" content=\"https:\/\/www.psib-psoe.org\/mallorca\/wp-content\/themes\/notio-wp\/assets\/img\/logo.png\">\n\t\t\t<\/span>\n\t\t\t<meta itemprop=\"url\" content=\"https:\/\/www.psib-psoe.org\/mallorca\/\">\n\t\t<\/span>\n\t\t\t\t<span class=\"hide\" itemprop=\"image\" itemscope itemtype=\"http:\/\/schema.org\/ImageObject\">\n\t\t\t<meta itemprop=\"url\" content=\"https:\/\/www.psib-psoe.org\/mallorca\/wp-content\/uploads\/psib-psoe-NEGATIU-vermell.png\">\n\t\t\t<meta itemprop=\"width\" content=\"750\">\n\t\t\t<meta itemprop=\"height\" content=\"749\">\n\t\t<\/span>\n\t\t\t\t<meta itemscope itemprop=\"mainEntityOfPage\" itemtype=\"https:\/\/schema.org\/WebPage\" itemid=\"https:\/\/www.psib-psoe.org\/mallorca\/el-psib-psoe-denuncia-que-el-pp-abandona-el-raiguer-i-el-pla-de-mallorca\/\">\n\t<\/aside>\n\t\t<\/article>\n<\/div>\n<div class=\"small-12 large-4 columns\">\n\t<article itemscope itemtype=\"http:\/\/schema.org\/Article\" class=\"post blog-style7 alt post-28130 type-post status-publish format-standard has-post-thumbnail hentry category-federacio-de-mallorca tag-federacio-socialista-de-mallorca\" role=\"article\">\n\t\t<figure class=\"post-gallery\"><img loading=\"lazy\" decoding=\"async\" width=\"600\" height=\"400\" src=\"https:\/\/www.psib-psoe.org\/mallorca\/wp-content\/uploads\/WhatsApp-Image-2023-12-15-at-10.50.46-600x400.jpeg\" class=\"attachment-notio-general-x2 size-notio-general-x2 wp-post-image\" alt=\"\" srcset=\"https:\/\/www.psib-psoe.org\/mallorca\/wp-content\/uploads\/WhatsApp-Image-2023-12-15-at-10.50.46-600x400.jpeg 600w, https:\/\/www.psib-psoe.org\/mallorca\/wp-content\/uploads\/WhatsApp-Image-2023-12-15-at-10.50.46-300x200.jpeg 300w, https:\/\/www.psib-psoe.org\/mallorca\/wp-content\/uploads\/WhatsApp-Image-2023-12-15-at-10.50.46-20x13.jpeg 20w, https:\/\/www.psib-psoe.org\/mallorca\/wp-content\/uploads\/WhatsApp-Image-2023-12-15-at-10.50.46-900x600.jpeg 900w\" sizes=\"(max-width: 600px) 100vw, 600px\" \/><\/figure>\n\t\t<div class=\"blog-top\">\n\t\t\t<header class=\"post-title entry-header\">\n\t\t\t\t<aside class=\"post-meta cf\">\n\t\t15\/12\/2023 \/ <a href=\"https:\/\/www.psib-psoe.org\/mallorca\/category\/federacio-de-mallorca\/\" rel=\"category tag\">Federaci\u00f3 de Mallorca<\/a><\/aside>\n\t\t\t\t<h3 itemprop=\"headline\"><a href=\"https:\/\/www.psib-psoe.org\/mallorca\/el-psib-psoe-denuncia-que-el-pp-abandona-el-migjorn-rebutjant-esmenes-per-valor-de-30-milions-deuros-per-a-la-zona\/\" title=\"El PSIB-PSOE denuncia que el PP abandona el Migjorn rebutjant esmenes per valor de 30 milions d\u2019euros per a la zona\">El PSIB-PSOE denuncia que el PP abandona el Migjorn rebutjant esmenes per valor de 30 milions d\u2019euros per a la zona<\/a><\/h3>\n\t\t\t<\/header>\n\t\t<\/div>\n\t\t<div class=\"post-content\">\n\t\t\t<a href=\"https:\/\/www.psib-psoe.org\/mallorca\/el-psib-psoe-denuncia-que-el-pp-abandona-el-migjorn-rebutjant-esmenes-per-valor-de-30-milions-deuros-per-a-la-zona\/\" class=\"more-link\">Read More<\/a>\n\t\t<\/div>\n\t\t\t<aside class=\"post-bottom-meta hide\">\n\t\t<strong rel=\"author\" itemprop=\"author\" class=\"author vcard\"><span class=\"fn\">adminpsib<\/span><\/strong>\n\t\t<time class=\"date published time\" datetime=\"2023-12-15T16:13:12+02:00\" itemprop=\"datePublished\" content=\"2023-12-15T16:13:12+02:00\">15\/12\/2023<\/time>\n\t\t<meta itemprop=\"dateModified\" class=\"date updated\" content=\"2024-10-14T11:41:16+02:00\">\n\t\t<span class=\"hide\" itemprop=\"publisher\" itemscope itemtype=\"https:\/\/schema.org\/Organization\">\n\t\t\t<meta itemprop=\"name\" content=\"SocialistesdMca\">\n\t\t\t<span itemprop=\"logo\" itemscope itemtype=\"https:\/\/schema.org\/ImageObject\">\n\t\t\t\t<meta itemprop=\"url\" content=\"https:\/\/www.psib-psoe.org\/mallorca\/wp-content\/themes\/notio-wp\/assets\/img\/logo.png\">\n\t\t\t<\/span>\n\t\t\t<meta itemprop=\"url\" content=\"https:\/\/www.psib-psoe.org\/mallorca\/\">\n\t\t<\/span>\n\t\t\t\t<span class=\"hide\" itemprop=\"image\" itemscope itemtype=\"http:\/\/schema.org\/ImageObject\">\n\t\t\t<meta itemprop=\"url\" content=\"https:\/\/www.psib-psoe.org\/mallorca\/wp-content\/uploads\/WhatsApp-Image-2023-12-15-at-10.50.46.jpeg\">\n\t\t\t<meta itemprop=\"width\" content=\"2047\">\n\t\t\t<meta itemprop=\"height\" content=\"1216\">\n\t\t<\/span>\n\t\t\t\t<meta itemscope itemprop=\"mainEntityOfPage\" itemtype=\"https:\/\/schema.org\/WebPage\" itemid=\"https:\/\/www.psib-psoe.org\/mallorca\/el-psib-psoe-denuncia-que-el-pp-abandona-el-migjorn-rebutjant-esmenes-per-valor-de-30-milions-deuros-per-a-la-zona\/\">\n\t<\/aside>\n\t\t<\/article>\n<\/div>\n<div class=\"small-12 large-4 columns\">\n\t<article itemscope itemtype=\"http:\/\/schema.org\/Article\" class=\"post blog-style7 alt post-28126 type-post status-publish format-standard has-post-thumbnail hentry category-consell-de-mallorca category-federacio-de-mallorca category-federacio-de-mallorca-portada category-municipis category-portada tag-catalina-cladera tag-consell-de-mallorca tag-psib-psoe\" role=\"article\">\n\t\t<figure class=\"post-gallery\"><img loading=\"lazy\" decoding=\"async\" width=\"600\" height=\"400\" src=\"https:\/\/www.psib-psoe.org\/mallorca\/wp-content\/uploads\/Ple-desembre-4-600x400.jpg\" class=\"attachment-notio-general-x2 size-notio-general-x2 wp-post-image\" alt=\"\" srcset=\"https:\/\/www.psib-psoe.org\/mallorca\/wp-content\/uploads\/Ple-desembre-4-600x400.jpg 600w, https:\/\/www.psib-psoe.org\/mallorca\/wp-content\/uploads\/Ple-desembre-4-300x200.jpg 300w, https:\/\/www.psib-psoe.org\/mallorca\/wp-content\/uploads\/Ple-desembre-4-900x600.jpg 900w, https:\/\/www.psib-psoe.org\/mallorca\/wp-content\/uploads\/Ple-desembre-4-20x13.jpg 20w\" sizes=\"(max-width: 600px) 100vw, 600px\" \/><\/figure>\n\t\t<div class=\"blog-top\">\n\t\t\t<header class=\"post-title entry-header\">\n\t\t\t\t<aside class=\"post-meta cf\">\n\t\t14\/12\/2023 \/ <a href=\"https:\/\/www.psib-psoe.org\/mallorca\/category\/consell-de-mallorca\/\" rel=\"category tag\">Consell de Mallorca<\/a>, <a href=\"https:\/\/www.psib-psoe.org\/mallorca\/category\/federacio-de-mallorca\/\" rel=\"category tag\">Federaci\u00f3 de Mallorca<\/a>, <a href=\"https:\/\/www.psib-psoe.org\/mallorca\/category\/federacio-de-mallorca-portada\/\" rel=\"category tag\">Federaci\u00f3 de Mallorca - Portada<\/a>, <a href=\"https:\/\/www.psib-psoe.org\/mallorca\/category\/municipis\/\" rel=\"category tag\">Municipis<\/a>, <a href=\"https:\/\/www.psib-psoe.org\/mallorca\/category\/portada\/\" rel=\"category tag\">Portada<\/a><\/aside>\n\t\t\t\t<h3 itemprop=\"headline\"><a href=\"https:\/\/www.psib-psoe.org\/mallorca\/els-socialistes-critiquen-que-el-consell-apugi-la-tarifa-real-de-gestio-de-residus-organics-del-municipis-fins-als-203-e-tn-un-765-mes-que-en-2023\/\" title=\"Els socialistes critiquen que el Consell apugi la tarifa real de gesti\u00f3 de residus org\u00e0nics del municipis fins als 203 \u20ac\/tn, un 76,5% m\u00e9s que en 2023.\">Els socialistes critiquen que el Consell apugi la tarifa real de gesti\u00f3 de residus org\u00e0nics del municipis fins als 203 \u20ac\/tn, un 76,5% m\u00e9s que en 2023.<\/a><\/h3>\n\t\t\t<\/header>\n\t\t<\/div>\n\t\t<div class=\"post-content\">\n\t\t\t<a href=\"https:\/\/www.psib-psoe.org\/mallorca\/els-socialistes-critiquen-que-el-consell-apugi-la-tarifa-real-de-gestio-de-residus-organics-del-municipis-fins-als-203-e-tn-un-765-mes-que-en-2023\/\" class=\"more-link\">Read More<\/a>\n\t\t<\/div>\n\t\t\t<aside class=\"post-bottom-meta hide\">\n\t\t<strong rel=\"author\" itemprop=\"author\" class=\"author vcard\"><span class=\"fn\">Albert<\/span><\/strong>\n\t\t<time class=\"date published time\" datetime=\"2023-12-14T18:20:07+02:00\" itemprop=\"datePublished\" content=\"2023-12-14T18:20:07+02:00\">14\/12\/2023<\/time>\n\t\t<meta itemprop=\"dateModified\" class=\"date updated\" content=\"2024-10-14T11:41:16+02:00\">\n\t\t<span class=\"hide\" itemprop=\"publisher\" itemscope itemtype=\"https:\/\/schema.org\/Organization\">\n\t\t\t<meta itemprop=\"name\" content=\"SocialistesdMca\">\n\t\t\t<span itemprop=\"logo\" itemscope itemtype=\"https:\/\/schema.org\/ImageObject\">\n\t\t\t\t<meta itemprop=\"url\" content=\"https:\/\/www.psib-psoe.org\/mallorca\/wp-content\/themes\/notio-wp\/assets\/img\/logo.png\">\n\t\t\t<\/span>\n\t\t\t<meta itemprop=\"url\" content=\"https:\/\/www.psib-psoe.org\/mallorca\/\">\n\t\t<\/span>\n\t\t\t\t<span class=\"hide\" itemprop=\"image\" itemscope itemtype=\"http:\/\/schema.org\/ImageObject\">\n\t\t\t<meta itemprop=\"url\" content=\"https:\/\/www.psib-psoe.org\/mallorca\/wp-content\/uploads\/Ple-desembre-4.jpg\">\n\t\t\t<meta itemprop=\"width\" content=\"1600\">\n\t\t\t<meta itemprop=\"height\" content=\"1200\">\n\t\t<\/span>\n\t\t\t\t<meta itemscope itemprop=\"mainEntityOfPage\" itemtype=\"https:\/\/schema.org\/WebPage\" itemid=\"https:\/\/www.psib-psoe.org\/mallorca\/els-socialistes-critiquen-que-el-consell-apugi-la-tarifa-real-de-gestio-de-residus-organics-del-municipis-fins-als-203-e-tn-un-765-mes-que-en-2023\/\">\n\t<\/aside>\n\t\t<\/article>\n<\/div>\n<div class=\"small-12 large-4 columns\">\n\t<article itemscope itemtype=\"http:\/\/schema.org\/Article\" class=\"post blog-style7 alt post-28118 type-post status-publish format-standard has-post-thumbnail hentry category-consell-de-mallorca category-federacio-de-mallorca category-federacio-de-mallorca-portada category-municipis category-portada tag-catalina-cladera tag-consell-de-mallorca tag-psib-psoe\" role=\"article\">\n\t\t<figure class=\"post-gallery\"><img loading=\"lazy\" decoding=\"async\" width=\"600\" height=\"400\" src=\"https:\/\/www.psib-psoe.org\/mallorca\/wp-content\/uploads\/Reclamaci\u00f3-6-600x400.jpeg\" class=\"attachment-notio-general-x2 size-notio-general-x2 wp-post-image\" alt=\"\" srcset=\"https:\/\/www.psib-psoe.org\/mallorca\/wp-content\/uploads\/Reclamaci\u00f3-6-600x400.jpeg 600w, https:\/\/www.psib-psoe.org\/mallorca\/wp-content\/uploads\/Reclamaci\u00f3-6-300x200.jpeg 300w, https:\/\/www.psib-psoe.org\/mallorca\/wp-content\/uploads\/Reclamaci\u00f3-6-900x600.jpeg 900w, https:\/\/www.psib-psoe.org\/mallorca\/wp-content\/uploads\/Reclamaci\u00f3-6-20x13.jpeg 20w\" sizes=\"(max-width: 600px) 100vw, 600px\" \/><\/figure>\n\t\t<div class=\"blog-top\">\n\t\t\t<header class=\"post-title entry-header\">\n\t\t\t\t<aside class=\"post-meta cf\">\n\t\t13\/12\/2023 \/ <a href=\"https:\/\/www.psib-psoe.org\/mallorca\/category\/consell-de-mallorca\/\" rel=\"category tag\">Consell de Mallorca<\/a>, <a href=\"https:\/\/www.psib-psoe.org\/mallorca\/category\/federacio-de-mallorca\/\" rel=\"category tag\">Federaci\u00f3 de Mallorca<\/a>, <a href=\"https:\/\/www.psib-psoe.org\/mallorca\/category\/federacio-de-mallorca-portada\/\" rel=\"category tag\">Federaci\u00f3 de Mallorca - Portada<\/a>, <a href=\"https:\/\/www.psib-psoe.org\/mallorca\/category\/municipis\/\" rel=\"category tag\">Municipis<\/a>, <a href=\"https:\/\/www.psib-psoe.org\/mallorca\/category\/portada\/\" rel=\"category tag\">Portada<\/a><\/aside>\n\t\t\t\t<h3 itemprop=\"headline\"><a href=\"https:\/\/www.psib-psoe.org\/mallorca\/la-dgt-confirma-que-el-carril-bus-vao-beneficia-la-mobilitat-sostenible-als-accessos-a-palma\/\" title=\"La DGT confirma que el carril BUS VAO beneficia la mobilitat sostenible als accessos a Palma.\">La DGT confirma que el carril BUS VAO beneficia la mobilitat sostenible als accessos a Palma.<\/a><\/h3>\n\t\t\t<\/header>\n\t\t<\/div>\n\t\t<div class=\"post-content\">\n\t\t\t<a href=\"https:\/\/www.psib-psoe.org\/mallorca\/la-dgt-confirma-que-el-carril-bus-vao-beneficia-la-mobilitat-sostenible-als-accessos-a-palma\/\" class=\"more-link\">Read More<\/a>\n\t\t<\/div>\n\t\t\t<aside class=\"post-bottom-meta hide\">\n\t\t<strong rel=\"author\" itemprop=\"author\" class=\"author vcard\"><span class=\"fn\">Albert<\/span><\/strong>\n\t\t<time class=\"date published time\" datetime=\"2023-12-13T17:11:42+02:00\" itemprop=\"datePublished\" content=\"2023-12-13T17:11:42+02:00\">13\/12\/2023<\/time>\n\t\t<meta itemprop=\"dateModified\" class=\"date updated\" content=\"2024-10-14T11:41:16+02:00\">\n\t\t<span class=\"hide\" itemprop=\"publisher\" itemscope itemtype=\"https:\/\/schema.org\/Organization\">\n\t\t\t<meta itemprop=\"name\" content=\"SocialistesdMca\">\n\t\t\t<span itemprop=\"logo\" itemscope itemtype=\"https:\/\/schema.org\/ImageObject\">\n\t\t\t\t<meta itemprop=\"url\" content=\"https:\/\/www.psib-psoe.org\/mallorca\/wp-content\/themes\/notio-wp\/assets\/img\/logo.png\">\n\t\t\t<\/span>\n\t\t\t<meta itemprop=\"url\" content=\"https:\/\/www.psib-psoe.org\/mallorca\/\">\n\t\t<\/span>\n\t\t\t\t<span class=\"hide\" itemprop=\"image\" itemscope itemtype=\"http:\/\/schema.org\/ImageObject\">\n\t\t\t<meta itemprop=\"url\" content=\"https:\/\/www.psib-psoe.org\/mallorca\/wp-content\/uploads\/Reclamaci\u00f3-6.jpeg\">\n\t\t\t<meta itemprop=\"width\" content=\"2000\">\n\t\t\t<meta itemprop=\"height\" content=\"1128\">\n\t\t<\/span>\n\t\t\t\t<meta itemscope itemprop=\"mainEntityOfPage\" itemtype=\"https:\/\/schema.org\/WebPage\" itemid=\"https:\/\/www.psib-psoe.org\/mallorca\/la-dgt-confirma-que-el-carril-bus-vao-beneficia-la-mobilitat-sostenible-als-accessos-a-palma\/\">\n\t<\/aside>\n\t\t<\/article>\n<\/div>\n<div class=\"small-12 large-4 columns\">\n\t<article itemscope itemtype=\"http:\/\/schema.org\/Article\" class=\"post blog-style7 alt post-28107 type-post status-publish format-standard has-post-thumbnail hentry category-consell-de-mallorca category-federacio-de-mallorca category-federacio-de-mallorca-portada category-municipis category-portada tag-catalina-cladera tag-consell-de-mallorca tag-javier-de-juan\" role=\"article\">\n\t\t<figure class=\"post-gallery\"><img loading=\"lazy\" decoding=\"async\" width=\"600\" height=\"400\" src=\"https:\/\/www.psib-psoe.org\/mallorca\/wp-content\/uploads\/Reclamaci\u00f3-11-600x400.jpeg\" class=\"attachment-notio-general-x2 size-notio-general-x2 wp-post-image\" alt=\"\" srcset=\"https:\/\/www.psib-psoe.org\/mallorca\/wp-content\/uploads\/Reclamaci\u00f3-11-600x400.jpeg 600w, https:\/\/www.psib-psoe.org\/mallorca\/wp-content\/uploads\/Reclamaci\u00f3-11-300x200.jpeg 300w, https:\/\/www.psib-psoe.org\/mallorca\/wp-content\/uploads\/Reclamaci\u00f3-11-900x600.jpeg 900w, https:\/\/www.psib-psoe.org\/mallorca\/wp-content\/uploads\/Reclamaci\u00f3-11-20x13.jpeg 20w\" sizes=\"(max-width: 600px) 100vw, 600px\" \/><\/figure>\n\t\t<div class=\"blog-top\">\n\t\t\t<header class=\"post-title entry-header\">\n\t\t\t\t<aside class=\"post-meta cf\">\n\t\t11\/12\/2023 \/ <a href=\"https:\/\/www.psib-psoe.org\/mallorca\/category\/consell-de-mallorca\/\" rel=\"category tag\">Consell de Mallorca<\/a>, <a href=\"https:\/\/www.psib-psoe.org\/mallorca\/category\/federacio-de-mallorca\/\" rel=\"category tag\">Federaci\u00f3 de Mallorca<\/a>, <a href=\"https:\/\/www.psib-psoe.org\/mallorca\/category\/federacio-de-mallorca-portada\/\" rel=\"category tag\">Federaci\u00f3 de Mallorca - Portada<\/a>, <a href=\"https:\/\/www.psib-psoe.org\/mallorca\/category\/municipis\/\" rel=\"category tag\">Municipis<\/a>, <a href=\"https:\/\/www.psib-psoe.org\/mallorca\/category\/portada\/\" rel=\"category tag\">Portada<\/a><\/aside>\n\t\t\t\t<h3 itemprop=\"headline\"><a href=\"https:\/\/www.psib-psoe.org\/mallorca\/el-consell-no-aporta-els-informes-tecnics-de-seguretat-contaminacio-i-renous-per-justificar-lincrement-de-velocitat-a-la-via-de-cintura\/\" title=\"El Consell no aporta els informes t\u00e8cnics de seguretat, contaminaci\u00f3 i renous per justificar l&#8217;increment de velocitat a la Via de Cintura\">El Consell no aporta els informes t\u00e8cnics de seguretat, contaminaci\u00f3 i renous per justificar l&#8217;increment de velocitat a la Via de Cintura<\/a><\/h3>\n\t\t\t<\/header>\n\t\t<\/div>\n\t\t<div class=\"post-content\">\n\t\t\t<a href=\"https:\/\/www.psib-psoe.org\/mallorca\/el-consell-no-aporta-els-informes-tecnics-de-seguretat-contaminacio-i-renous-per-justificar-lincrement-de-velocitat-a-la-via-de-cintura\/\" class=\"more-link\">Read More<\/a>\n\t\t<\/div>\n\t\t\t<aside class=\"post-bottom-meta hide\">\n\t\t<strong rel=\"author\" itemprop=\"author\" class=\"author vcard\"><span class=\"fn\">Albert<\/span><\/strong>\n\t\t<time class=\"date published time\" datetime=\"2023-12-11T14:51:09+02:00\" itemprop=\"datePublished\" content=\"2023-12-11T14:51:09+02:00\">11\/12\/2023<\/time>\n\t\t<meta itemprop=\"dateModified\" class=\"date updated\" content=\"2024-10-14T11:41:16+02:00\">\n\t\t<span class=\"hide\" itemprop=\"publisher\" itemscope itemtype=\"https:\/\/schema.org\/Organization\">\n\t\t\t<meta itemprop=\"name\" content=\"SocialistesdMca\">\n\t\t\t<span itemprop=\"logo\" itemscope itemtype=\"https:\/\/schema.org\/ImageObject\">\n\t\t\t\t<meta itemprop=\"url\" content=\"https:\/\/www.psib-psoe.org\/mallorca\/wp-content\/themes\/notio-wp\/assets\/img\/logo.png\">\n\t\t\t<\/span>\n\t\t\t<meta itemprop=\"url\" content=\"https:\/\/www.psib-psoe.org\/mallorca\/\">\n\t\t<\/span>\n\t\t\t\t<span class=\"hide\" itemprop=\"image\" itemscope itemtype=\"http:\/\/schema.org\/ImageObject\">\n\t\t\t<meta itemprop=\"url\" content=\"https:\/\/www.psib-psoe.org\/mallorca\/wp-content\/uploads\/Reclamaci\u00f3-11.jpeg\">\n\t\t\t<meta itemprop=\"width\" content=\"2000\">\n\t\t\t<meta itemprop=\"height\" content=\"1128\">\n\t\t<\/span>\n\t\t\t\t<meta itemscope itemprop=\"mainEntityOfPage\" itemtype=\"https:\/\/schema.org\/WebPage\" itemid=\"https:\/\/www.psib-psoe.org\/mallorca\/el-consell-no-aporta-els-informes-tecnics-de-seguretat-contaminacio-i-renous-per-justificar-lincrement-de-velocitat-a-la-via-de-cintura\/\">\n\t<\/aside>\n\t\t<\/article>\n<\/div>\n<div class=\"small-12 large-4 columns\">\n\t<article itemscope itemtype=\"http:\/\/schema.org\/Article\" class=\"post blog-style7 alt post-28103 type-post status-publish format-standard has-post-thumbnail hentry category-consell-de-mallorca category-federacio-de-mallorca category-federacio-de-mallorca-portada category-municipis category-portada tag-catalina-cladera tag-consell-de-mallorca tag-diada-de-mallorca tag-javier-de-juan\" role=\"article\">\n\t\t<figure class=\"post-gallery\"><img loading=\"lazy\" decoding=\"async\" width=\"600\" height=\"400\" src=\"https:\/\/www.psib-psoe.org\/mallorca\/wp-content\/uploads\/Reclamaci\u00f3-1-600x400.jpeg\" class=\"attachment-notio-general-x2 size-notio-general-x2 wp-post-image\" alt=\"\" srcset=\"https:\/\/www.psib-psoe.org\/mallorca\/wp-content\/uploads\/Reclamaci\u00f3-1-600x400.jpeg 600w, https:\/\/www.psib-psoe.org\/mallorca\/wp-content\/uploads\/Reclamaci\u00f3-1-300x200.jpeg 300w, https:\/\/www.psib-psoe.org\/mallorca\/wp-content\/uploads\/Reclamaci\u00f3-1-900x600.jpeg 900w, https:\/\/www.psib-psoe.org\/mallorca\/wp-content\/uploads\/Reclamaci\u00f3-1-20x13.jpeg 20w\" sizes=\"(max-width: 600px) 100vw, 600px\" \/><\/figure>\n\t\t<div class=\"blog-top\">\n\t\t\t<header class=\"post-title entry-header\">\n\t\t\t\t<aside class=\"post-meta cf\">\n\t\t06\/12\/2023 \/ <a href=\"https:\/\/www.psib-psoe.org\/mallorca\/category\/consell-de-mallorca\/\" rel=\"category tag\">Consell de Mallorca<\/a>, <a href=\"https:\/\/www.psib-psoe.org\/mallorca\/category\/federacio-de-mallorca\/\" rel=\"category tag\">Federaci\u00f3 de Mallorca<\/a>, <a href=\"https:\/\/www.psib-psoe.org\/mallorca\/category\/federacio-de-mallorca-portada\/\" rel=\"category tag\">Federaci\u00f3 de Mallorca - Portada<\/a>, <a href=\"https:\/\/www.psib-psoe.org\/mallorca\/category\/municipis\/\" rel=\"category tag\">Municipis<\/a>, <a href=\"https:\/\/www.psib-psoe.org\/mallorca\/category\/portada\/\" rel=\"category tag\">Portada<\/a><\/aside>\n\t\t\t\t<h3 itemprop=\"headline\"><a href=\"https:\/\/www.psib-psoe.org\/mallorca\/el-govern-de-ppvox-al-consell-canviara-la-data-de-la-diada-de-mallorca-desquena-a-la-institucio-als-experts-de-la-uib-i-a-la-ciutadania\/\" title=\"El govern de PPVOX al Consell canviar\u00e0 la data de la Diada de Mallorca d&#8217;esquena a la instituci\u00f3, als experts de la UIB, i a la ciutadania\">El govern de PPVOX al Consell canviar\u00e0 la data de la Diada de Mallorca d&#8217;esquena a la instituci\u00f3, als experts de la UIB, i a la ciutadania<\/a><\/h3>\n\t\t\t<\/header>\n\t\t<\/div>\n\t\t<div class=\"post-content\">\n\t\t\t<a href=\"https:\/\/www.psib-psoe.org\/mallorca\/el-govern-de-ppvox-al-consell-canviara-la-data-de-la-diada-de-mallorca-desquena-a-la-institucio-als-experts-de-la-uib-i-a-la-ciutadania\/\" class=\"more-link\">Read More<\/a>\n\t\t<\/div>\n\t\t\t<aside class=\"post-bottom-meta hide\">\n\t\t<strong rel=\"author\" itemprop=\"author\" class=\"author vcard\"><span class=\"fn\">Albert<\/span><\/strong>\n\t\t<time class=\"date published time\" datetime=\"2023-12-06T09:25:44+02:00\" itemprop=\"datePublished\" content=\"2023-12-06T09:25:44+02:00\">06\/12\/2023<\/time>\n\t\t<meta itemprop=\"dateModified\" class=\"date updated\" content=\"2024-10-14T11:41:16+02:00\">\n\t\t<span class=\"hide\" itemprop=\"publisher\" itemscope itemtype=\"https:\/\/schema.org\/Organization\">\n\t\t\t<meta itemprop=\"name\" content=\"SocialistesdMca\">\n\t\t\t<span itemprop=\"logo\" itemscope itemtype=\"https:\/\/schema.org\/ImageObject\">\n\t\t\t\t<meta itemprop=\"url\" content=\"https:\/\/www.psib-psoe.org\/mallorca\/wp-content\/themes\/notio-wp\/assets\/img\/logo.png\">\n\t\t\t<\/span>\n\t\t\t<meta itemprop=\"url\" content=\"https:\/\/www.psib-psoe.org\/mallorca\/\">\n\t\t<\/span>\n\t\t\t\t<span class=\"hide\" itemprop=\"image\" itemscope itemtype=\"http:\/\/schema.org\/ImageObject\">\n\t\t\t<meta itemprop=\"url\" content=\"https:\/\/www.psib-psoe.org\/mallorca\/wp-content\/uploads\/Reclamaci\u00f3-1.jpeg\">\n\t\t\t<meta itemprop=\"width\" content=\"4032\">\n\t\t\t<meta itemprop=\"height\" content=\"3024\">\n\t\t<\/span>\n\t\t\t\t<meta itemscope itemprop=\"mainEntityOfPage\" itemtype=\"https:\/\/schema.org\/WebPage\" itemid=\"https:\/\/www.psib-psoe.org\/mallorca\/el-govern-de-ppvox-al-consell-canviara-la-data-de-la-diada-de-mallorca-desquena-a-la-institucio-als-experts-de-la-uib-i-a-la-ciutadania\/\">\n\t<\/aside>\n\t\t<\/article>\n<\/div>\n<div class=\"small-12 large-4 columns\">\n\t<article itemscope itemtype=\"http:\/\/schema.org\/Article\" class=\"post blog-style7 alt post-28099 type-post status-publish format-standard has-post-thumbnail hentry category-consell-de-mallorca category-federacio-de-mallorca category-federacio-de-mallorca-portada category-portada tag-catalina-cladera tag-consell-de-mallorca tag-javier-de-juan\" role=\"article\">\n\t\t<figure class=\"post-gallery\"><img loading=\"lazy\" decoding=\"async\" width=\"600\" height=\"400\" src=\"https:\/\/www.psib-psoe.org\/mallorca\/wp-content\/uploads\/Reclamaci\u00f3-3-600x400.jpeg\" class=\"attachment-notio-general-x2 size-notio-general-x2 wp-post-image\" alt=\"\" srcset=\"https:\/\/www.psib-psoe.org\/mallorca\/wp-content\/uploads\/Reclamaci\u00f3-3-600x400.jpeg 600w, https:\/\/www.psib-psoe.org\/mallorca\/wp-content\/uploads\/Reclamaci\u00f3-3-300x200.jpeg 300w, https:\/\/www.psib-psoe.org\/mallorca\/wp-content\/uploads\/Reclamaci\u00f3-3-900x600.jpeg 900w, https:\/\/www.psib-psoe.org\/mallorca\/wp-content\/uploads\/Reclamaci\u00f3-3-20x13.jpeg 20w\" sizes=\"(max-width: 600px) 100vw, 600px\" \/><\/figure>\n\t\t<div class=\"blog-top\">\n\t\t\t<header class=\"post-title entry-header\">\n\t\t\t\t<aside class=\"post-meta cf\">\n\t\t04\/12\/2023 \/ <a href=\"https:\/\/www.psib-psoe.org\/mallorca\/category\/consell-de-mallorca\/\" rel=\"category tag\">Consell de Mallorca<\/a>, <a href=\"https:\/\/www.psib-psoe.org\/mallorca\/category\/federacio-de-mallorca\/\" rel=\"category tag\">Federaci\u00f3 de Mallorca<\/a>, <a href=\"https:\/\/www.psib-psoe.org\/mallorca\/category\/federacio-de-mallorca-portada\/\" rel=\"category tag\">Federaci\u00f3 de Mallorca - Portada<\/a>, <a href=\"https:\/\/www.psib-psoe.org\/mallorca\/category\/portada\/\" rel=\"category tag\">Portada<\/a><\/aside>\n\t\t\t\t<h3 itemprop=\"headline\"><a href=\"https:\/\/www.psib-psoe.org\/mallorca\/els-socialistes-reclamen-al-consell-que-rectifiqui-i-presenti-uns-pressupostos-2024-legals\/\" title=\"Els socialistes reclamen al Consell que &#8220;rectifiqui i presenti uns Pressupostos 2024 legals&#8221;.\">Els socialistes reclamen al Consell que &#8220;rectifiqui i presenti uns Pressupostos 2024 legals&#8221;.<\/a><\/h3>\n\t\t\t<\/header>\n\t\t<\/div>\n\t\t<div class=\"post-content\">\n\t\t\t<a href=\"https:\/\/www.psib-psoe.org\/mallorca\/els-socialistes-reclamen-al-consell-que-rectifiqui-i-presenti-uns-pressupostos-2024-legals\/\" class=\"more-link\">Read More<\/a>\n\t\t<\/div>\n\t\t\t<aside class=\"post-bottom-meta hide\">\n\t\t<strong rel=\"author\" itemprop=\"author\" class=\"author vcard\"><span class=\"fn\">Albert<\/span><\/strong>\n\t\t<time class=\"date published time\" datetime=\"2023-12-04T17:32:54+02:00\" itemprop=\"datePublished\" content=\"2023-12-04T17:32:54+02:00\">04\/12\/2023<\/time>\n\t\t<meta itemprop=\"dateModified\" class=\"date updated\" content=\"2024-10-14T11:41:16+02:00\">\n\t\t<span class=\"hide\" itemprop=\"publisher\" itemscope itemtype=\"https:\/\/schema.org\/Organization\">\n\t\t\t<meta itemprop=\"name\" content=\"SocialistesdMca\">\n\t\t\t<span itemprop=\"logo\" itemscope itemtype=\"https:\/\/schema.org\/ImageObject\">\n\t\t\t\t<meta itemprop=\"url\" content=\"https:\/\/www.psib-psoe.org\/mallorca\/wp-content\/themes\/notio-wp\/assets\/img\/logo.png\">\n\t\t\t<\/span>\n\t\t\t<meta itemprop=\"url\" content=\"https:\/\/www.psib-psoe.org\/mallorca\/\">\n\t\t<\/span>\n\t\t\t\t<span class=\"hide\" itemprop=\"image\" itemscope itemtype=\"http:\/\/schema.org\/ImageObject\">\n\t\t\t<meta itemprop=\"url\" content=\"https:\/\/www.psib-psoe.org\/mallorca\/wp-content\/uploads\/Reclamaci\u00f3-3.jpeg\">\n\t\t\t<meta itemprop=\"width\" content=\"4032\">\n\t\t\t<meta itemprop=\"height\" content=\"3024\">\n\t\t<\/span>\n\t\t\t\t<meta itemscope itemprop=\"mainEntityOfPage\" itemtype=\"https:\/\/schema.org\/WebPage\" itemid=\"https:\/\/www.psib-psoe.org\/mallorca\/els-socialistes-reclamen-al-consell-que-rectifiqui-i-presenti-uns-pressupostos-2024-legals\/\">\n\t<\/aside>\n\t\t<\/article>\n<\/div>\n<div class=\"small-12 large-4 columns\">\n\t<article itemscope itemtype=\"http:\/\/schema.org\/Article\" class=\"post blog-style7 alt post-28095 type-post status-publish format-standard has-post-thumbnail hentry category-federacio-de-mallorca category-federacio-de-mallorca-portada category-municipis category-portada tag-antoni-mari tag-catalina-cladera tag-puigpunyent\" role=\"article\">\n\t\t<figure class=\"post-gallery\"><img loading=\"lazy\" decoding=\"async\" width=\"600\" height=\"400\" src=\"https:\/\/www.psib-psoe.org\/mallorca\/wp-content\/uploads\/Premi-Pruigpunyent-2-600x400.jpeg\" class=\"attachment-notio-general-x2 size-notio-general-x2 wp-post-image\" alt=\"\" srcset=\"https:\/\/www.psib-psoe.org\/mallorca\/wp-content\/uploads\/Premi-Pruigpunyent-2-600x400.jpeg 600w, https:\/\/www.psib-psoe.org\/mallorca\/wp-content\/uploads\/Premi-Pruigpunyent-2-300x200.jpeg 300w, https:\/\/www.psib-psoe.org\/mallorca\/wp-content\/uploads\/Premi-Pruigpunyent-2-900x600.jpeg 900w, https:\/\/www.psib-psoe.org\/mallorca\/wp-content\/uploads\/Premi-Pruigpunyent-2-20x13.jpeg 20w\" sizes=\"(max-width: 600px) 100vw, 600px\" \/><\/figure>\n\t\t<div class=\"blog-top\">\n\t\t\t<header class=\"post-title entry-header\">\n\t\t\t\t<aside class=\"post-meta cf\">\n\t\t01\/12\/2023 \/ <a href=\"https:\/\/www.psib-psoe.org\/mallorca\/category\/federacio-de-mallorca\/\" rel=\"category tag\">Federaci\u00f3 de Mallorca<\/a>, <a href=\"https:\/\/www.psib-psoe.org\/mallorca\/category\/federacio-de-mallorca-portada\/\" rel=\"category tag\">Federaci\u00f3 de Mallorca - Portada<\/a>, <a href=\"https:\/\/www.psib-psoe.org\/mallorca\/category\/municipis\/\" rel=\"category tag\">Municipis<\/a>, <a href=\"https:\/\/www.psib-psoe.org\/mallorca\/category\/portada\/\" rel=\"category tag\">Portada<\/a><\/aside>\n\t\t\t\t<h3 itemprop=\"headline\"><a href=\"https:\/\/www.psib-psoe.org\/mallorca\/puigpunyent-rep-el-premi-rezero-a-la-administracio-2023-per-la-gestio-dels-residus\/\" title=\"Puigpunyent rep el premi Rezero a la administraci\u00f3 2023, per la gesti\u00f3 dels residus\">Puigpunyent rep el premi Rezero a la administraci\u00f3 2023, per la gesti\u00f3 dels residus<\/a><\/h3>\n\t\t\t<\/header>\n\t\t<\/div>\n\t\t<div class=\"post-content\">\n\t\t\t<a href=\"https:\/\/www.psib-psoe.org\/mallorca\/puigpunyent-rep-el-premi-rezero-a-la-administracio-2023-per-la-gestio-dels-residus\/\" class=\"more-link\">Read More<\/a>\n\t\t<\/div>\n\t\t\t<aside class=\"post-bottom-meta hide\">\n\t\t<strong rel=\"author\" itemprop=\"author\" class=\"author vcard\"><span class=\"fn\">Albert<\/span><\/strong>\n\t\t<time class=\"date published time\" datetime=\"2023-12-01T15:26:49+02:00\" itemprop=\"datePublished\" content=\"2023-12-01T15:26:49+02:00\">01\/12\/2023<\/time>\n\t\t<meta itemprop=\"dateModified\" class=\"date updated\" content=\"2024-10-14T11:41:16+02:00\">\n\t\t<span class=\"hide\" itemprop=\"publisher\" itemscope itemtype=\"https:\/\/schema.org\/Organization\">\n\t\t\t<meta itemprop=\"name\" content=\"SocialistesdMca\">\n\t\t\t<span itemprop=\"logo\" itemscope itemtype=\"https:\/\/schema.org\/ImageObject\">\n\t\t\t\t<meta itemprop=\"url\" content=\"https:\/\/www.psib-psoe.org\/mallorca\/wp-content\/themes\/notio-wp\/assets\/img\/logo.png\">\n\t\t\t<\/span>\n\t\t\t<meta itemprop=\"url\" content=\"https:\/\/www.psib-psoe.org\/mallorca\/\">\n\t\t<\/span>\n\t\t\t\t<span class=\"hide\" itemprop=\"image\" itemscope itemtype=\"http:\/\/schema.org\/ImageObject\">\n\t\t\t<meta itemprop=\"url\" content=\"https:\/\/www.psib-psoe.org\/mallorca\/wp-content\/uploads\/Premi-Pruigpunyent-2.jpeg\">\n\t\t\t<meta itemprop=\"width\" content=\"929\">\n\t\t\t<meta itemprop=\"height\" content=\"1132\">\n\t\t<\/span>\n\t\t\t\t<meta itemscope itemprop=\"mainEntityOfPage\" itemtype=\"https:\/\/schema.org\/WebPage\" itemid=\"https:\/\/www.psib-psoe.org\/mallorca\/puigpunyent-rep-el-premi-rezero-a-la-administracio-2023-per-la-gestio-dels-residus\/\">\n\t<\/aside>\n\t\t<\/article>\n<\/div>\n<div class=\"small-12 large-4 columns\">\n\t<article itemscope itemtype=\"http:\/\/schema.org\/Article\" class=\"post blog-style7 alt post-28091 type-post status-publish format-standard has-post-thumbnail hentry category-federacio-de-mallorca category-federacio-de-mallorca-portada category-portada tag-ares-fernandez tag-catalina-cladera tag-cosme-bonet tag-javier-de-juan tag-juan-espadas tag-psib-psoe tag-psoe-a tag-victor-camino\" role=\"article\">\n\t\t<figure class=\"post-gallery\"><img loading=\"lazy\" decoding=\"async\" width=\"600\" height=\"400\" src=\"https:\/\/www.psib-psoe.org\/mallorca\/wp-content\/uploads\/Espadas-1-600x400.jpeg\" class=\"attachment-notio-general-x2 size-notio-general-x2 wp-post-image\" alt=\"\" srcset=\"https:\/\/www.psib-psoe.org\/mallorca\/wp-content\/uploads\/Espadas-1-600x400.jpeg 600w, https:\/\/www.psib-psoe.org\/mallorca\/wp-content\/uploads\/Espadas-1-300x200.jpeg 300w, https:\/\/www.psib-psoe.org\/mallorca\/wp-content\/uploads\/Espadas-1-1024x685.jpeg 1024w, https:\/\/www.psib-psoe.org\/mallorca\/wp-content\/uploads\/Espadas-1-150x100.jpeg 150w, https:\/\/www.psib-psoe.org\/mallorca\/wp-content\/uploads\/Espadas-1-900x600.jpeg 900w, https:\/\/www.psib-psoe.org\/mallorca\/wp-content\/uploads\/Espadas-1-20x13.jpeg 20w, https:\/\/www.psib-psoe.org\/mallorca\/wp-content\/uploads\/Espadas-1.jpeg 1600w\" sizes=\"(max-width: 600px) 100vw, 600px\" \/><\/figure>\n\t\t<div class=\"blog-top\">\n\t\t\t<header class=\"post-title entry-header\">\n\t\t\t\t<aside class=\"post-meta cf\">\n\t\t24\/11\/2023 \/ <a href=\"https:\/\/www.psib-psoe.org\/mallorca\/category\/federacio-de-mallorca\/\" rel=\"category tag\">Federaci\u00f3 de Mallorca<\/a>, <a href=\"https:\/\/www.psib-psoe.org\/mallorca\/category\/federacio-de-mallorca-portada\/\" rel=\"category tag\">Federaci\u00f3 de Mallorca - Portada<\/a>, <a href=\"https:\/\/www.psib-psoe.org\/mallorca\/category\/portada\/\" rel=\"category tag\">Portada<\/a><\/aside>\n\t\t\t\t<h3 itemprop=\"headline\"><a href=\"https:\/\/www.psib-psoe.org\/mallorca\/el-secretari-general-del-psoe-andalusia-juan-espadas-a-lescola-de-tardor-antoni-alemany-cladera-de-la-federacio-socialista-de-mallorca\/\" title=\"El Secretari general del PSOE-Andalusia, Juan Espadas, a l&#8217;Escola de Tardor Antoni Alemany Cladera de la Federaci\u00f3 Socialista de Mallorca.\">El Secretari general del PSOE-Andalusia, Juan Espadas, a l&#8217;Escola de Tardor Antoni Alemany Cladera de la Federaci\u00f3 Socialista de Mallorca.<\/a><\/h3>\n\t\t\t<\/header>\n\t\t<\/div>\n\t\t<div class=\"post-content\">\n\t\t\t<a href=\"https:\/\/www.psib-psoe.org\/mallorca\/el-secretari-general-del-psoe-andalusia-juan-espadas-a-lescola-de-tardor-antoni-alemany-cladera-de-la-federacio-socialista-de-mallorca\/\" class=\"more-link\">Read More<\/a>\n\t\t<\/div>\n\t\t\t<aside class=\"post-bottom-meta hide\">\n\t\t<strong rel=\"author\" itemprop=\"author\" class=\"author vcard\"><span class=\"fn\">Albert<\/span><\/strong>\n\t\t<time class=\"date published time\" datetime=\"2023-11-24T21:49:21+02:00\" itemprop=\"datePublished\" content=\"2023-11-24T21:49:21+02:00\">24\/11\/2023<\/time>\n\t\t<meta itemprop=\"dateModified\" class=\"date updated\" content=\"2024-10-14T11:41:16+02:00\">\n\t\t<span class=\"hide\" itemprop=\"publisher\" itemscope itemtype=\"https:\/\/schema.org\/Organization\">\n\t\t\t<meta itemprop=\"name\" content=\"SocialistesdMca\">\n\t\t\t<span itemprop=\"logo\" itemscope itemtype=\"https:\/\/schema.org\/ImageObject\">\n\t\t\t\t<meta itemprop=\"url\" content=\"https:\/\/www.psib-psoe.org\/mallorca\/wp-content\/themes\/notio-wp\/assets\/img\/logo.png\">\n\t\t\t<\/span>\n\t\t\t<meta itemprop=\"url\" content=\"https:\/\/www.psib-psoe.org\/mallorca\/\">\n\t\t<\/span>\n\t\t\t\t<span class=\"hide\" itemprop=\"image\" itemscope itemtype=\"http:\/\/schema.org\/ImageObject\">\n\t\t\t<meta itemprop=\"url\" content=\"https:\/\/www.psib-psoe.org\/mallorca\/wp-content\/uploads\/Espadas-1.jpeg\">\n\t\t\t<meta itemprop=\"width\" content=\"1600\">\n\t\t\t<meta itemprop=\"height\" content=\"1070\">\n\t\t<\/span>\n\t\t\t\t<meta itemscope itemprop=\"mainEntityOfPage\" itemtype=\"https:\/\/schema.org\/WebPage\" itemid=\"https:\/\/www.psib-psoe.org\/mallorca\/el-secretari-general-del-psoe-andalusia-juan-espadas-a-lescola-de-tardor-antoni-alemany-cladera-de-la-federacio-socialista-de-mallorca\/\">\n\t<\/aside>\n\t\t<\/article>\n<\/div>\n<div class=\"small-12 large-4 columns\">\n\t<article itemscope itemtype=\"http:\/\/schema.org\/Article\" class=\"post blog-style7 alt post-28087 type-post status-publish format-standard has-post-thumbnail hentry category-consell-de-mallorca category-federacio-de-mallorca category-federacio-de-mallorca-portada category-portada tag-catalina-cladera tag-javier-de-juan tag-juan-espadas tag-psib-psoe tag-psoe-a tag-sofia-alonso\" role=\"article\">\n\t\t<figure class=\"post-gallery\"><img loading=\"lazy\" decoding=\"async\" width=\"600\" height=\"400\" src=\"https:\/\/www.psib-psoe.org\/mallorca\/wp-content\/uploads\/Foto-balc\u00f3-25N-600x400.jpeg\" class=\"attachment-notio-general-x2 size-notio-general-x2 wp-post-image\" alt=\"\" srcset=\"https:\/\/www.psib-psoe.org\/mallorca\/wp-content\/uploads\/Foto-balc\u00f3-25N-600x400.jpeg 600w, https:\/\/www.psib-psoe.org\/mallorca\/wp-content\/uploads\/Foto-balc\u00f3-25N-300x200.jpeg 300w, https:\/\/www.psib-psoe.org\/mallorca\/wp-content\/uploads\/Foto-balc\u00f3-25N-768x512.jpeg 768w, https:\/\/www.psib-psoe.org\/mallorca\/wp-content\/uploads\/Foto-balc\u00f3-25N-1024x682.jpeg 1024w, https:\/\/www.psib-psoe.org\/mallorca\/wp-content\/uploads\/Foto-balc\u00f3-25N-150x100.jpeg 150w, https:\/\/www.psib-psoe.org\/mallorca\/wp-content\/uploads\/Foto-balc\u00f3-25N-900x600.jpeg 900w, https:\/\/www.psib-psoe.org\/mallorca\/wp-content\/uploads\/Foto-balc\u00f3-25N-20x13.jpeg 20w, https:\/\/www.psib-psoe.org\/mallorca\/wp-content\/uploads\/Foto-balc\u00f3-25N.jpeg 1600w\" sizes=\"(max-width: 600px) 100vw, 600px\" \/><\/figure>\n\t\t<div class=\"blog-top\">\n\t\t\t<header class=\"post-title entry-header\">\n\t\t\t\t<aside class=\"post-meta cf\">\n\t\t24\/11\/2023 \/ <a href=\"https:\/\/www.psib-psoe.org\/mallorca\/category\/consell-de-mallorca\/\" rel=\"category tag\">Consell de Mallorca<\/a>, <a href=\"https:\/\/www.psib-psoe.org\/mallorca\/category\/federacio-de-mallorca\/\" rel=\"category tag\">Federaci\u00f3 de Mallorca<\/a>, <a href=\"https:\/\/www.psib-psoe.org\/mallorca\/category\/federacio-de-mallorca-portada\/\" rel=\"category tag\">Federaci\u00f3 de Mallorca - Portada<\/a>, <a href=\"https:\/\/www.psib-psoe.org\/mallorca\/category\/portada\/\" rel=\"category tag\">Portada<\/a><\/aside>\n\t\t\t\t<h3 itemprop=\"headline\"><a href=\"https:\/\/www.psib-psoe.org\/mallorca\/la-violencia-masclista-noesinevitable-lema-dels-socialistes-aquest-25n\/\" title=\"&#8220;La viol\u00e8ncia masclista #no\u00e9sinevitable&#8221;, lema dels Socialistes aquest 25N.\">&#8220;La viol\u00e8ncia masclista #no\u00e9sinevitable&#8221;, lema dels Socialistes aquest 25N.<\/a><\/h3>\n\t\t\t<\/header>\n\t\t<\/div>\n\t\t<div class=\"post-content\">\n\t\t\t<a href=\"https:\/\/www.psib-psoe.org\/mallorca\/la-violencia-masclista-noesinevitable-lema-dels-socialistes-aquest-25n\/\" class=\"more-link\">Read More<\/a>\n\t\t<\/div>\n\t\t\t<aside class=\"post-bottom-meta hide\">\n\t\t<strong rel=\"author\" itemprop=\"author\" class=\"author vcard\"><span class=\"fn\">Albert<\/span><\/strong>\n\t\t<time class=\"date published time\" datetime=\"2023-11-24T15:51:27+02:00\" itemprop=\"datePublished\" content=\"2023-11-24T15:51:27+02:00\">24\/11\/2023<\/time>\n\t\t<meta itemprop=\"dateModified\" class=\"date updated\" content=\"2024-10-14T11:41:16+02:00\">\n\t\t<span class=\"hide\" itemprop=\"publisher\" itemscope itemtype=\"https:\/\/schema.org\/Organization\">\n\t\t\t<meta itemprop=\"name\" content=\"SocialistesdMca\">\n\t\t\t<span itemprop=\"logo\" itemscope itemtype=\"https:\/\/schema.org\/ImageObject\">\n\t\t\t\t<meta itemprop=\"url\" content=\"https:\/\/www.psib-psoe.org\/mallorca\/wp-content\/themes\/notio-wp\/assets\/img\/logo.png\">\n\t\t\t<\/span>\n\t\t\t<meta itemprop=\"url\" content=\"https:\/\/www.psib-psoe.org\/mallorca\/\">\n\t\t<\/span>\n\t\t\t\t<span class=\"hide\" itemprop=\"image\" itemscope itemtype=\"http:\/\/schema.org\/ImageObject\">\n\t\t\t<meta itemprop=\"url\" content=\"https:\/\/www.psib-psoe.org\/mallorca\/wp-content\/uploads\/Foto-balc\u00f3-25N.jpeg\">\n\t\t\t<meta itemprop=\"width\" content=\"1600\">\n\t\t\t<meta itemprop=\"height\" content=\"1066\">\n\t\t<\/span>\n\t\t\t\t<meta itemscope itemprop=\"mainEntityOfPage\" itemtype=\"https:\/\/schema.org\/WebPage\" itemid=\"https:\/\/www.psib-psoe.org\/mallorca\/la-violencia-masclista-noesinevitable-lema-dels-socialistes-aquest-25n\/\">\n\t<\/aside>\n\t\t<\/article>\n<\/div>\n<div class=\"small-12 large-4 columns\">\n\t<article itemscope itemtype=\"http:\/\/schema.org\/Article\" class=\"post blog-style7 alt post-28081 type-post status-publish format-standard has-post-thumbnail hentry category-consell-de-mallorca category-federacio-de-mallorca category-federacio-de-mallorca-portada category-portada tag-catalina-cladera tag-consell-de-mallorca tag-javier-de-juan tag-psib-psoe\" role=\"article\">\n\t\t<figure class=\"post-gallery\"><img loading=\"lazy\" decoding=\"async\" width=\"600\" height=\"400\" src=\"https:\/\/www.psib-psoe.org\/mallorca\/wp-content\/uploads\/2-600x400.jpeg\" class=\"attachment-notio-general-x2 size-notio-general-x2 wp-post-image\" alt=\"\" srcset=\"https:\/\/www.psib-psoe.org\/mallorca\/wp-content\/uploads\/2-600x400.jpeg 600w, https:\/\/www.psib-psoe.org\/mallorca\/wp-content\/uploads\/2-300x200.jpeg 300w, https:\/\/www.psib-psoe.org\/mallorca\/wp-content\/uploads\/2-900x600.jpeg 900w, https:\/\/www.psib-psoe.org\/mallorca\/wp-content\/uploads\/2-20x13.jpeg 20w\" sizes=\"(max-width: 600px) 100vw, 600px\" \/><\/figure>\n\t\t<div class=\"blog-top\">\n\t\t\t<header class=\"post-title entry-header\">\n\t\t\t\t<aside class=\"post-meta cf\">\n\t\t23\/11\/2023 \/ <a href=\"https:\/\/www.psib-psoe.org\/mallorca\/category\/consell-de-mallorca\/\" rel=\"category tag\">Consell de Mallorca<\/a>, <a href=\"https:\/\/www.psib-psoe.org\/mallorca\/category\/federacio-de-mallorca\/\" rel=\"category tag\">Federaci\u00f3 de Mallorca<\/a>, <a href=\"https:\/\/www.psib-psoe.org\/mallorca\/category\/federacio-de-mallorca-portada\/\" rel=\"category tag\">Federaci\u00f3 de Mallorca - Portada<\/a>, <a href=\"https:\/\/www.psib-psoe.org\/mallorca\/category\/portada\/\" rel=\"category tag\">Portada<\/a><\/aside>\n\t\t\t\t<h3 itemprop=\"headline\"><a href=\"https:\/\/www.psib-psoe.org\/mallorca\/els-socialistes-adverteixen-de-la-illegalitat-del-pressupost-2024-del-consell-de-mallorca-i-exigeixen-que-es-torni-a-formular\/\" title=\"Els socialistes adverteixen de la il\u00b7legalitat del Pressupost 2024 del Consell de Mallorca i exigeixen que es torni a formular.\">Els socialistes adverteixen de la il\u00b7legalitat del Pressupost 2024 del Consell de Mallorca i exigeixen que es torni a formular.<\/a><\/h3>\n\t\t\t<\/header>\n\t\t<\/div>\n\t\t<div class=\"post-content\">\n\t\t\t<a href=\"https:\/\/www.psib-psoe.org\/mallorca\/els-socialistes-adverteixen-de-la-illegalitat-del-pressupost-2024-del-consell-de-mallorca-i-exigeixen-que-es-torni-a-formular\/\" class=\"more-link\">Read More<\/a>\n\t\t<\/div>\n\t\t\t<aside class=\"post-bottom-meta hide\">\n\t\t<strong rel=\"author\" itemprop=\"author\" class=\"author vcard\"><span class=\"fn\">Albert<\/span><\/strong>\n\t\t<time class=\"date published time\" datetime=\"2023-11-23T15:40:57+02:00\" itemprop=\"datePublished\" content=\"2023-11-23T15:40:57+02:00\">23\/11\/2023<\/time>\n\t\t<meta itemprop=\"dateModified\" class=\"date updated\" content=\"2024-10-14T11:41:16+02:00\">\n\t\t<span class=\"hide\" itemprop=\"publisher\" itemscope itemtype=\"https:\/\/schema.org\/Organization\">\n\t\t\t<meta itemprop=\"name\" content=\"SocialistesdMca\">\n\t\t\t<span itemprop=\"logo\" itemscope itemtype=\"https:\/\/schema.org\/ImageObject\">\n\t\t\t\t<meta itemprop=\"url\" content=\"https:\/\/www.psib-psoe.org\/mallorca\/wp-content\/themes\/notio-wp\/assets\/img\/logo.png\">\n\t\t\t<\/span>\n\t\t\t<meta itemprop=\"url\" content=\"https:\/\/www.psib-psoe.org\/mallorca\/\">\n\t\t<\/span>\n\t\t\t\t<span class=\"hide\" itemprop=\"image\" itemscope itemtype=\"http:\/\/schema.org\/ImageObject\">\n\t\t\t<meta itemprop=\"url\" content=\"https:\/\/www.psib-psoe.org\/mallorca\/wp-content\/uploads\/2.jpeg\">\n\t\t\t<meta itemprop=\"width\" content=\"1600\">\n\t\t\t<meta itemprop=\"height\" content=\"720\">\n\t\t<\/span>\n\t\t\t\t<meta itemscope itemprop=\"mainEntityOfPage\" itemtype=\"https:\/\/schema.org\/WebPage\" itemid=\"https:\/\/www.psib-psoe.org\/mallorca\/els-socialistes-adverteixen-de-la-illegalitat-del-pressupost-2024-del-consell-de-mallorca-i-exigeixen-que-es-torni-a-formular\/\">\n\t<\/aside>\n\t\t<\/article>\n<\/div>\n<div class=\"small-12 large-4 columns\">\n\t<article itemscope itemtype=\"http:\/\/schema.org\/Article\" class=\"post blog-style7 alt post-28069 type-post status-publish format-standard has-post-thumbnail hentry category-consell-de-mallorca category-federacio-de-mallorca category-federacio-de-mallorca-portada category-portada tag-catalina-cladera tag-consell-de-mallorca tag-javier-de-juan tag-psib-psoe\" role=\"article\">\n\t\t<figure class=\"post-gallery\"><img loading=\"lazy\" decoding=\"async\" width=\"600\" height=\"400\" src=\"https:\/\/www.psib-psoe.org\/mallorca\/wp-content\/uploads\/Observatori1-600x400.jpeg\" class=\"attachment-notio-general-x2 size-notio-general-x2 wp-post-image\" alt=\"\" srcset=\"https:\/\/www.psib-psoe.org\/mallorca\/wp-content\/uploads\/Observatori1-600x400.jpeg 600w, https:\/\/www.psib-psoe.org\/mallorca\/wp-content\/uploads\/Observatori1-300x200.jpeg 300w, https:\/\/www.psib-psoe.org\/mallorca\/wp-content\/uploads\/Observatori1-900x600.jpeg 900w, https:\/\/www.psib-psoe.org\/mallorca\/wp-content\/uploads\/Observatori1-20x13.jpeg 20w\" sizes=\"(max-width: 600px) 100vw, 600px\" \/><\/figure>\n\t\t<div class=\"blog-top\">\n\t\t\t<header class=\"post-title entry-header\">\n\t\t\t\t<aside class=\"post-meta cf\">\n\t\t22\/11\/2023 \/ <a href=\"https:\/\/www.psib-psoe.org\/mallorca\/category\/consell-de-mallorca\/\" rel=\"category tag\">Consell de Mallorca<\/a>, <a href=\"https:\/\/www.psib-psoe.org\/mallorca\/category\/federacio-de-mallorca\/\" rel=\"category tag\">Federaci\u00f3 de Mallorca<\/a>, <a href=\"https:\/\/www.psib-psoe.org\/mallorca\/category\/federacio-de-mallorca-portada\/\" rel=\"category tag\">Federaci\u00f3 de Mallorca - Portada<\/a>, <a href=\"https:\/\/www.psib-psoe.org\/mallorca\/category\/portada\/\" rel=\"category tag\">Portada<\/a><\/aside>\n\t\t\t\t<h3 itemprop=\"headline\"><a href=\"https:\/\/www.psib-psoe.org\/mallorca\/els-socialistes-presenten-lobservatori-progressista-de-mallorca-un-nou-web-de-denuncia-de-les-politiques-ultres-i-de-retroces-de-ppvox\/\" title=\"Els socialistes presenten l&#8217;Observatori Progressista de Mallorca, un nou web de den\u00fancia de les pol\u00edtiques ultres i de retroc\u00e9s de PPVOX.\">Els socialistes presenten l&#8217;Observatori Progressista de Mallorca, un nou web de den\u00fancia de les pol\u00edtiques ultres i de retroc\u00e9s de PPVOX.<\/a><\/h3>\n\t\t\t<\/header>\n\t\t<\/div>\n\t\t<div class=\"post-content\">\n\t\t\t<a href=\"https:\/\/www.psib-psoe.org\/mallorca\/els-socialistes-presenten-lobservatori-progressista-de-mallorca-un-nou-web-de-denuncia-de-les-politiques-ultres-i-de-retroces-de-ppvox\/\" class=\"more-link\">Read More<\/a>\n\t\t<\/div>\n\t\t\t<aside class=\"post-bottom-meta hide\">\n\t\t<strong rel=\"author\" itemprop=\"author\" class=\"author vcard\"><span class=\"fn\">Albert<\/span><\/strong>\n\t\t<time class=\"date published time\" datetime=\"2023-11-22T15:07:32+02:00\" itemprop=\"datePublished\" content=\"2023-11-22T15:07:32+02:00\">22\/11\/2023<\/time>\n\t\t<meta itemprop=\"dateModified\" class=\"date updated\" content=\"2024-10-14T11:41:17+02:00\">\n\t\t<span class=\"hide\" itemprop=\"publisher\" itemscope itemtype=\"https:\/\/schema.org\/Organization\">\n\t\t\t<meta itemprop=\"name\" content=\"SocialistesdMca\">\n\t\t\t<span itemprop=\"logo\" itemscope itemtype=\"https:\/\/schema.org\/ImageObject\">\n\t\t\t\t<meta itemprop=\"url\" content=\"https:\/\/www.psib-psoe.org\/mallorca\/wp-content\/themes\/notio-wp\/assets\/img\/logo.png\">\n\t\t\t<\/span>\n\t\t\t<meta itemprop=\"url\" content=\"https:\/\/www.psib-psoe.org\/mallorca\/\">\n\t\t<\/span>\n\t\t\t\t<span class=\"hide\" itemprop=\"image\" itemscope itemtype=\"http:\/\/schema.org\/ImageObject\">\n\t\t\t<meta itemprop=\"url\" content=\"https:\/\/www.psib-psoe.org\/mallorca\/wp-content\/uploads\/Observatori1.jpeg\">\n\t\t\t<meta itemprop=\"width\" content=\"4032\">\n\t\t\t<meta itemprop=\"height\" content=\"3024\">\n\t\t<\/span>\n\t\t\t\t<meta itemscope itemprop=\"mainEntityOfPage\" itemtype=\"https:\/\/schema.org\/WebPage\" itemid=\"https:\/\/www.psib-psoe.org\/mallorca\/els-socialistes-presenten-lobservatori-progressista-de-mallorca-un-nou-web-de-denuncia-de-les-politiques-ultres-i-de-retroces-de-ppvox\/\">\n\t<\/aside>\n\t\t<\/article>\n<\/div>\n<div class=\"small-12 large-4 columns\">\n\t<article itemscope itemtype=\"http:\/\/schema.org\/Article\" class=\"post blog-style7 alt post-28060 type-post status-publish format-standard has-post-thumbnail hentry category-consell-de-mallorca category-federacio-de-mallorca category-federacio-de-mallorca-portada category-portada tag-catalina-cladera tag-consell-de-mallorca tag-javier-de-juan tag-psib-psoe\" role=\"article\">\n\t\t<figure class=\"post-gallery\"><img loading=\"lazy\" decoding=\"async\" width=\"600\" height=\"400\" src=\"https:\/\/www.psib-psoe.org\/mallorca\/wp-content\/uploads\/De-Juan-151123-600x400.jpeg\" class=\"attachment-notio-general-x2 size-notio-general-x2 wp-post-image\" alt=\"\" srcset=\"https:\/\/www.psib-psoe.org\/mallorca\/wp-content\/uploads\/De-Juan-151123-600x400.jpeg 600w, https:\/\/www.psib-psoe.org\/mallorca\/wp-content\/uploads\/De-Juan-151123-300x200.jpeg 300w, https:\/\/www.psib-psoe.org\/mallorca\/wp-content\/uploads\/De-Juan-151123-900x600.jpeg 900w, https:\/\/www.psib-psoe.org\/mallorca\/wp-content\/uploads\/De-Juan-151123-20x13.jpeg 20w\" sizes=\"(max-width: 600px) 100vw, 600px\" \/><\/figure>\n\t\t<div class=\"blog-top\">\n\t\t\t<header class=\"post-title entry-header\">\n\t\t\t\t<aside class=\"post-meta cf\">\n\t\t15\/11\/2023 \/ <a href=\"https:\/\/www.psib-psoe.org\/mallorca\/category\/consell-de-mallorca\/\" rel=\"category tag\">Consell de Mallorca<\/a>, <a href=\"https:\/\/www.psib-psoe.org\/mallorca\/category\/federacio-de-mallorca\/\" rel=\"category tag\">Federaci\u00f3 de Mallorca<\/a>, <a href=\"https:\/\/www.psib-psoe.org\/mallorca\/category\/federacio-de-mallorca-portada\/\" rel=\"category tag\">Federaci\u00f3 de Mallorca - Portada<\/a>, <a href=\"https:\/\/www.psib-psoe.org\/mallorca\/category\/portada\/\" rel=\"category tag\">Portada<\/a><\/aside>\n\t\t\t\t<h3 itemprop=\"headline\"><a href=\"https:\/\/www.psib-psoe.org\/mallorca\/el-nou-limit-de-velocitat-de-100-km-h-a-la-via-de-cintura-de-palma-provocara-mes-embossos-mes-contaminacio-i-mes-renou\/\" title=\"El nou l\u00edmit de velocitat de 100 km\/h a la Via de Cintura de Palma provocar\u00e0 m\u00e9s embossos, m\u00e9s contaminaci\u00f3 i m\u00e9s renou\">El nou l\u00edmit de velocitat de 100 km\/h a la Via de Cintura de Palma provocar\u00e0 m\u00e9s embossos, m\u00e9s contaminaci\u00f3 i m\u00e9s renou<\/a><\/h3>\n\t\t\t<\/header>\n\t\t<\/div>\n\t\t<div class=\"post-content\">\n\t\t\t<a href=\"https:\/\/www.psib-psoe.org\/mallorca\/el-nou-limit-de-velocitat-de-100-km-h-a-la-via-de-cintura-de-palma-provocara-mes-embossos-mes-contaminacio-i-mes-renou\/\" class=\"more-link\">Read More<\/a>\n\t\t<\/div>\n\t\t\t<aside class=\"post-bottom-meta hide\">\n\t\t<strong rel=\"author\" itemprop=\"author\" class=\"author vcard\"><span class=\"fn\">Albert<\/span><\/strong>\n\t\t<time class=\"date published time\" datetime=\"2023-11-15T18:54:57+02:00\" itemprop=\"datePublished\" content=\"2023-11-15T18:54:57+02:00\">15\/11\/2023<\/time>\n\t\t<meta itemprop=\"dateModified\" class=\"date updated\" content=\"2024-10-14T11:41:17+02:00\">\n\t\t<span class=\"hide\" itemprop=\"publisher\" itemscope itemtype=\"https:\/\/schema.org\/Organization\">\n\t\t\t<meta itemprop=\"name\" content=\"SocialistesdMca\">\n\t\t\t<span itemprop=\"logo\" itemscope itemtype=\"https:\/\/schema.org\/ImageObject\">\n\t\t\t\t<meta itemprop=\"url\" content=\"https:\/\/www.psib-psoe.org\/mallorca\/wp-content\/themes\/notio-wp\/assets\/img\/logo.png\">\n\t\t\t<\/span>\n\t\t\t<meta itemprop=\"url\" content=\"https:\/\/www.psib-psoe.org\/mallorca\/\">\n\t\t<\/span>\n\t\t\t\t<span class=\"hide\" itemprop=\"image\" itemscope itemtype=\"http:\/\/schema.org\/ImageObject\">\n\t\t\t<meta itemprop=\"url\" content=\"https:\/\/www.psib-psoe.org\/mallorca\/wp-content\/uploads\/De-Juan-151123.jpeg\">\n\t\t\t<meta itemprop=\"width\" content=\"1560\">\n\t\t\t<meta itemprop=\"height\" content=\"895\">\n\t\t<\/span>\n\t\t\t\t<meta itemscope itemprop=\"mainEntityOfPage\" itemtype=\"https:\/\/schema.org\/WebPage\" itemid=\"https:\/\/www.psib-psoe.org\/mallorca\/el-nou-limit-de-velocitat-de-100-km-h-a-la-via-de-cintura-de-palma-provocara-mes-embossos-mes-contaminacio-i-mes-renou\/\">\n\t<\/aside>\n\t\t<\/article>\n<\/div>\n<div class=\"small-12 large-4 columns\">\n\t<article itemscope itemtype=\"http:\/\/schema.org\/Article\" class=\"post blog-style7 alt post-28057 type-post status-publish format-standard has-post-thumbnail hentry category-consell-de-mallorca category-federacio-de-mallorca category-federacio-de-mallorca-portada category-portada tag-catalina-cladera tag-consell-de-mallorca tag-psib-psoe\" role=\"article\">\n\t\t<figure class=\"post-gallery\"><img loading=\"lazy\" decoding=\"async\" width=\"600\" height=\"400\" src=\"https:\/\/www.psib-psoe.org\/mallorca\/wp-content\/uploads\/IMG_7272-1-600x400.jpg\" class=\"attachment-notio-general-x2 size-notio-general-x2 wp-post-image\" alt=\"\" srcset=\"https:\/\/www.psib-psoe.org\/mallorca\/wp-content\/uploads\/IMG_7272-1-600x400.jpg 600w, https:\/\/www.psib-psoe.org\/mallorca\/wp-content\/uploads\/IMG_7272-1-300x200.jpg 300w, https:\/\/www.psib-psoe.org\/mallorca\/wp-content\/uploads\/IMG_7272-1-900x600.jpg 900w, https:\/\/www.psib-psoe.org\/mallorca\/wp-content\/uploads\/IMG_7272-1-20x13.jpg 20w\" sizes=\"(max-width: 600px) 100vw, 600px\" \/><\/figure>\n\t\t<div class=\"blog-top\">\n\t\t\t<header class=\"post-title entry-header\">\n\t\t\t\t<aside class=\"post-meta cf\">\n\t\t15\/11\/2023 \/ <a href=\"https:\/\/www.psib-psoe.org\/mallorca\/category\/consell-de-mallorca\/\" rel=\"category tag\">Consell de Mallorca<\/a>, <a href=\"https:\/\/www.psib-psoe.org\/mallorca\/category\/federacio-de-mallorca\/\" rel=\"category tag\">Federaci\u00f3 de Mallorca<\/a>, <a href=\"https:\/\/www.psib-psoe.org\/mallorca\/category\/federacio-de-mallorca-portada\/\" rel=\"category tag\">Federaci\u00f3 de Mallorca - Portada<\/a>, <a href=\"https:\/\/www.psib-psoe.org\/mallorca\/category\/portada\/\" rel=\"category tag\">Portada<\/a><\/aside>\n\t\t\t\t<h3 itemprop=\"headline\"><a href=\"https:\/\/www.psib-psoe.org\/mallorca\/el-pressupost-del-consell-de-mallorca-2024-demostra-que-el-pp-ha-quedat-sotmes-al-xantatge-ideologic-de-vox-en-materia-de-llengua-catalana\/\" title=\"El Pressupost del Consell de Mallorca 2024 demostra que el PP ha quedat sotm\u00e8s al xantatge ideol\u00f2gic de VOX en mat\u00e8ria de llengua catalana\">El Pressupost del Consell de Mallorca 2024 demostra que el PP ha quedat sotm\u00e8s al xantatge ideol\u00f2gic de VOX en mat\u00e8ria de llengua catalana<\/a><\/h3>\n\t\t\t<\/header>\n\t\t<\/div>\n\t\t<div class=\"post-content\">\n\t\t\t<a href=\"https:\/\/www.psib-psoe.org\/mallorca\/el-pressupost-del-consell-de-mallorca-2024-demostra-que-el-pp-ha-quedat-sotmes-al-xantatge-ideologic-de-vox-en-materia-de-llengua-catalana\/\" class=\"more-link\">Read More<\/a>\n\t\t<\/div>\n\t\t\t<aside class=\"post-bottom-meta hide\">\n\t\t<strong rel=\"author\" itemprop=\"author\" class=\"author vcard\"><span class=\"fn\">Albert<\/span><\/strong>\n\t\t<time class=\"date published time\" datetime=\"2023-11-15T18:39:39+02:00\" itemprop=\"datePublished\" content=\"2023-11-15T18:39:39+02:00\">15\/11\/2023<\/time>\n\t\t<meta itemprop=\"dateModified\" class=\"date updated\" content=\"2024-10-14T11:41:17+02:00\">\n\t\t<span class=\"hide\" itemprop=\"publisher\" itemscope itemtype=\"https:\/\/schema.org\/Organization\">\n\t\t\t<meta itemprop=\"name\" content=\"SocialistesdMca\">\n\t\t\t<span itemprop=\"logo\" itemscope itemtype=\"https:\/\/schema.org\/ImageObject\">\n\t\t\t\t<meta itemprop=\"url\" content=\"https:\/\/www.psib-psoe.org\/mallorca\/wp-content\/themes\/notio-wp\/assets\/img\/logo.png\">\n\t\t\t<\/span>\n\t\t\t<meta itemprop=\"url\" content=\"https:\/\/www.psib-psoe.org\/mallorca\/\">\n\t\t<\/span>\n\t\t\t\t<span class=\"hide\" itemprop=\"image\" itemscope itemtype=\"http:\/\/schema.org\/ImageObject\">\n\t\t\t<meta itemprop=\"url\" content=\"https:\/\/www.psib-psoe.org\/mallorca\/wp-content\/uploads\/IMG_7272-1.jpg\">\n\t\t\t<meta itemprop=\"width\" content=\"4032\">\n\t\t\t<meta itemprop=\"height\" content=\"3024\">\n\t\t<\/span>\n\t\t\t\t<meta itemscope itemprop=\"mainEntityOfPage\" itemtype=\"https:\/\/schema.org\/WebPage\" itemid=\"https:\/\/www.psib-psoe.org\/mallorca\/el-pressupost-del-consell-de-mallorca-2024-demostra-que-el-pp-ha-quedat-sotmes-al-xantatge-ideologic-de-vox-en-materia-de-llengua-catalana\/\">\n\t<\/aside>\n\t\t<\/article>\n<\/div>\n<div class=\"small-12 large-4 columns\">\n\t<article itemscope itemtype=\"http:\/\/schema.org\/Article\" class=\"post blog-style7 alt post-28047 type-post status-publish format-standard has-post-thumbnail hentry category-consell-de-mallorca category-federacio-de-mallorca category-federacio-de-mallorca-portada category-municipis category-portada tag-catalina-cladera tag-consell-de-mallorca tag-psib-psoe\" role=\"article\">\n\t\t<figure class=\"post-gallery\"><img loading=\"lazy\" decoding=\"async\" width=\"600\" height=\"400\" src=\"https:\/\/www.psib-psoe.org\/mallorca\/wp-content\/uploads\/Assemblea-1-600x400.jpeg\" class=\"attachment-notio-general-x2 size-notio-general-x2 wp-post-image\" alt=\"\" srcset=\"https:\/\/www.psib-psoe.org\/mallorca\/wp-content\/uploads\/Assemblea-1-600x400.jpeg 600w, https:\/\/www.psib-psoe.org\/mallorca\/wp-content\/uploads\/Assemblea-1-300x200.jpeg 300w, https:\/\/www.psib-psoe.org\/mallorca\/wp-content\/uploads\/Assemblea-1-900x600.jpeg 900w, https:\/\/www.psib-psoe.org\/mallorca\/wp-content\/uploads\/Assemblea-1-20x13.jpeg 20w\" sizes=\"(max-width: 600px) 100vw, 600px\" \/><\/figure>\n\t\t<div class=\"blog-top\">\n\t\t\t<header class=\"post-title entry-header\">\n\t\t\t\t<aside class=\"post-meta cf\">\n\t\t13\/11\/2023 \/ <a href=\"https:\/\/www.psib-psoe.org\/mallorca\/category\/consell-de-mallorca\/\" rel=\"category tag\">Consell de Mallorca<\/a>, <a href=\"https:\/\/www.psib-psoe.org\/mallorca\/category\/federacio-de-mallorca\/\" rel=\"category tag\">Federaci\u00f3 de Mallorca<\/a>, <a href=\"https:\/\/www.psib-psoe.org\/mallorca\/category\/federacio-de-mallorca-portada\/\" rel=\"category tag\">Federaci\u00f3 de Mallorca - Portada<\/a>, <a href=\"https:\/\/www.psib-psoe.org\/mallorca\/category\/municipis\/\" rel=\"category tag\">Municipis<\/a>, <a href=\"https:\/\/www.psib-psoe.org\/mallorca\/category\/portada\/\" rel=\"category tag\">Portada<\/a><\/aside>\n\t\t\t\t<h3 itemprop=\"headline\"><a href=\"https:\/\/www.psib-psoe.org\/mallorca\/cladera-reclama-al-consell-de-mallorca-que-mantingui-el-suport-cap-als-ajuntaments-de-mallorca-que-es-va-consolidar-durant-la-passada-legislatura\/\" title=\"Cladera reclama al Consell de Mallorca que &#8220;mantingui el suport cap als ajuntaments de Mallorca que es va consolidar durant la passada legislatura&#8221;.\">Cladera reclama al Consell de Mallorca que &#8220;mantingui el suport cap als ajuntaments de Mallorca que es va consolidar durant la passada legislatura&#8221;.<\/a><\/h3>\n\t\t\t<\/header>\n\t\t<\/div>\n\t\t<div class=\"post-content\">\n\t\t\t<a href=\"https:\/\/www.psib-psoe.org\/mallorca\/cladera-reclama-al-consell-de-mallorca-que-mantingui-el-suport-cap-als-ajuntaments-de-mallorca-que-es-va-consolidar-durant-la-passada-legislatura\/\" class=\"more-link\">Read More<\/a>\n\t\t<\/div>\n\t\t\t<aside class=\"post-bottom-meta hide\">\n\t\t<strong rel=\"author\" itemprop=\"author\" class=\"author vcard\"><span class=\"fn\">Albert<\/span><\/strong>\n\t\t<time class=\"date published time\" datetime=\"2023-11-13T18:44:59+02:00\" itemprop=\"datePublished\" content=\"2023-11-13T18:44:59+02:00\">13\/11\/2023<\/time>\n\t\t<meta itemprop=\"dateModified\" class=\"date updated\" content=\"2024-10-14T11:41:17+02:00\">\n\t\t<span class=\"hide\" itemprop=\"publisher\" itemscope itemtype=\"https:\/\/schema.org\/Organization\">\n\t\t\t<meta itemprop=\"name\" content=\"SocialistesdMca\">\n\t\t\t<span itemprop=\"logo\" itemscope itemtype=\"https:\/\/schema.org\/ImageObject\">\n\t\t\t\t<meta itemprop=\"url\" content=\"https:\/\/www.psib-psoe.org\/mallorca\/wp-content\/themes\/notio-wp\/assets\/img\/logo.png\">\n\t\t\t<\/span>\n\t\t\t<meta itemprop=\"url\" content=\"https:\/\/www.psib-psoe.org\/mallorca\/\">\n\t\t<\/span>\n\t\t\t\t<span class=\"hide\" itemprop=\"image\" itemscope itemtype=\"http:\/\/schema.org\/ImageObject\">\n\t\t\t<meta itemprop=\"url\" content=\"https:\/\/www.psib-psoe.org\/mallorca\/wp-content\/uploads\/Assemblea-1.jpeg\">\n\t\t\t<meta itemprop=\"width\" content=\"1465\">\n\t\t\t<meta itemprop=\"height\" content=\"720\">\n\t\t<\/span>\n\t\t\t\t<meta itemscope itemprop=\"mainEntityOfPage\" itemtype=\"https:\/\/schema.org\/WebPage\" itemid=\"https:\/\/www.psib-psoe.org\/mallorca\/cladera-reclama-al-consell-de-mallorca-que-mantingui-el-suport-cap-als-ajuntaments-de-mallorca-que-es-va-consolidar-durant-la-passada-legislatura\/\">\n\t<\/aside>\n\t\t<\/article>\n<\/div>\n<div class=\"small-12 large-4 columns\">\n\t<article itemscope itemtype=\"http:\/\/schema.org\/Article\" class=\"post blog-style7 alt post-28043 type-post status-publish format-standard has-post-thumbnail hentry category-federacio-de-mallorca category-federacio-de-mallorca-portada category-municipis category-portada tag-agrupacio-socialista-de-sa-pobla tag-catalina-cladera tag-consell-de-mallorca tag-psib-psoe tag-xesca-mir\" role=\"article\">\n\t\t<figure class=\"post-gallery\"><img loading=\"lazy\" decoding=\"async\" width=\"600\" height=\"400\" src=\"https:\/\/www.psib-psoe.org\/mallorca\/wp-content\/uploads\/Sa-Pobla-Huialfas-600x400.jpeg\" class=\"attachment-notio-general-x2 size-notio-general-x2 wp-post-image\" alt=\"\" srcset=\"https:\/\/www.psib-psoe.org\/mallorca\/wp-content\/uploads\/Sa-Pobla-Huialfas-600x400.jpeg 600w, https:\/\/www.psib-psoe.org\/mallorca\/wp-content\/uploads\/Sa-Pobla-Huialfas-300x200.jpeg 300w, https:\/\/www.psib-psoe.org\/mallorca\/wp-content\/uploads\/Sa-Pobla-Huialfas-900x600.jpeg 900w, https:\/\/www.psib-psoe.org\/mallorca\/wp-content\/uploads\/Sa-Pobla-Huialfas-20x13.jpeg 20w\" sizes=\"(max-width: 600px) 100vw, 600px\" \/><\/figure>\n\t\t<div class=\"blog-top\">\n\t\t\t<header class=\"post-title entry-header\">\n\t\t\t\t<aside class=\"post-meta cf\">\n\t\t11\/11\/2023 \/ <a href=\"https:\/\/www.psib-psoe.org\/mallorca\/category\/federacio-de-mallorca\/\" rel=\"category tag\">Federaci\u00f3 de Mallorca<\/a>, <a href=\"https:\/\/www.psib-psoe.org\/mallorca\/category\/federacio-de-mallorca-portada\/\" rel=\"category tag\">Federaci\u00f3 de Mallorca - Portada<\/a>, <a href=\"https:\/\/www.psib-psoe.org\/mallorca\/category\/municipis\/\" rel=\"category tag\">Municipis<\/a>, <a href=\"https:\/\/www.psib-psoe.org\/mallorca\/category\/portada\/\" rel=\"category tag\">Portada<\/a><\/aside>\n\t\t\t\t<h3 itemprop=\"headline\"><a href=\"https:\/\/www.psib-psoe.org\/mallorca\/els-socialistes-de-sa-pobla-impulsen-una-mocio-perque-el-consell-de-mallorca-amplii-la-residencia-huialfas\/\" title=\"Els Socialistes de Sa Pobla impulsen una moci\u00f3 perqu\u00e8 el Consell de Mallorca ampli\u00ef la resid\u00e8ncia Huialf\u00e0s\">Els Socialistes de Sa Pobla impulsen una moci\u00f3 perqu\u00e8 el Consell de Mallorca ampli\u00ef la resid\u00e8ncia Huialf\u00e0s<\/a><\/h3>\n\t\t\t<\/header>\n\t\t<\/div>\n\t\t<div class=\"post-content\">\n\t\t\t<a href=\"https:\/\/www.psib-psoe.org\/mallorca\/els-socialistes-de-sa-pobla-impulsen-una-mocio-perque-el-consell-de-mallorca-amplii-la-residencia-huialfas\/\" class=\"more-link\">Read More<\/a>\n\t\t<\/div>\n\t\t\t<aside class=\"post-bottom-meta hide\">\n\t\t<strong rel=\"author\" itemprop=\"author\" class=\"author vcard\"><span class=\"fn\">Albert<\/span><\/strong>\n\t\t<time class=\"date published time\" datetime=\"2023-11-11T18:41:52+02:00\" itemprop=\"datePublished\" content=\"2023-11-11T18:41:52+02:00\">11\/11\/2023<\/time>\n\t\t<meta itemprop=\"dateModified\" class=\"date updated\" content=\"2024-10-14T11:41:17+02:00\">\n\t\t<span class=\"hide\" itemprop=\"publisher\" itemscope itemtype=\"https:\/\/schema.org\/Organization\">\n\t\t\t<meta itemprop=\"name\" content=\"SocialistesdMca\">\n\t\t\t<span itemprop=\"logo\" itemscope itemtype=\"https:\/\/schema.org\/ImageObject\">\n\t\t\t\t<meta itemprop=\"url\" content=\"https:\/\/www.psib-psoe.org\/mallorca\/wp-content\/themes\/notio-wp\/assets\/img\/logo.png\">\n\t\t\t<\/span>\n\t\t\t<meta itemprop=\"url\" content=\"https:\/\/www.psib-psoe.org\/mallorca\/\">\n\t\t<\/span>\n\t\t\t\t<span class=\"hide\" itemprop=\"image\" itemscope itemtype=\"http:\/\/schema.org\/ImageObject\">\n\t\t\t<meta itemprop=\"url\" content=\"https:\/\/www.psib-psoe.org\/mallorca\/wp-content\/uploads\/Sa-Pobla-Huialfas.jpeg\">\n\t\t\t<meta itemprop=\"width\" content=\"1600\">\n\t\t\t<meta itemprop=\"height\" content=\"720\">\n\t\t<\/span>\n\t\t\t\t<meta itemscope itemprop=\"mainEntityOfPage\" itemtype=\"https:\/\/schema.org\/WebPage\" itemid=\"https:\/\/www.psib-psoe.org\/mallorca\/els-socialistes-de-sa-pobla-impulsen-una-mocio-perque-el-consell-de-mallorca-amplii-la-residencia-huialfas\/\">\n\t<\/aside>\n\t\t<\/article>\n<\/div>\n<div class=\"small-12 large-4 columns\">\n\t<article itemscope itemtype=\"http:\/\/schema.org\/Article\" class=\"post blog-style7 alt post-28040 type-post status-publish format-standard has-post-thumbnail hentry category-consell-de-mallorca category-federacio-de-mallorca category-federacio-de-mallorca-portada category-municipis category-portada tag-catalina-cladera tag-consell-de-mallorca tag-psib-psoe\" role=\"article\">\n\t\t<figure class=\"post-gallery\"><img loading=\"lazy\" decoding=\"async\" width=\"600\" height=\"400\" src=\"https:\/\/www.psib-psoe.org\/mallorca\/wp-content\/uploads\/Foto-1-1-600x400.jpeg\" class=\"attachment-notio-general-x2 size-notio-general-x2 wp-post-image\" alt=\"\" srcset=\"https:\/\/www.psib-psoe.org\/mallorca\/wp-content\/uploads\/Foto-1-1-600x400.jpeg 600w, https:\/\/www.psib-psoe.org\/mallorca\/wp-content\/uploads\/Foto-1-1-300x200.jpeg 300w, https:\/\/www.psib-psoe.org\/mallorca\/wp-content\/uploads\/Foto-1-1-900x600.jpeg 900w, https:\/\/www.psib-psoe.org\/mallorca\/wp-content\/uploads\/Foto-1-1-20x13.jpeg 20w\" sizes=\"(max-width: 600px) 100vw, 600px\" \/><\/figure>\n\t\t<div class=\"blog-top\">\n\t\t\t<header class=\"post-title entry-header\">\n\t\t\t\t<aside class=\"post-meta cf\">\n\t\t10\/11\/2023 \/ <a href=\"https:\/\/www.psib-psoe.org\/mallorca\/category\/consell-de-mallorca\/\" rel=\"category tag\">Consell de Mallorca<\/a>, <a href=\"https:\/\/www.psib-psoe.org\/mallorca\/category\/federacio-de-mallorca\/\" rel=\"category tag\">Federaci\u00f3 de Mallorca<\/a>, <a href=\"https:\/\/www.psib-psoe.org\/mallorca\/category\/federacio-de-mallorca-portada\/\" rel=\"category tag\">Federaci\u00f3 de Mallorca - Portada<\/a>, <a href=\"https:\/\/www.psib-psoe.org\/mallorca\/category\/municipis\/\" rel=\"category tag\">Municipis<\/a>, <a href=\"https:\/\/www.psib-psoe.org\/mallorca\/category\/portada\/\" rel=\"category tag\">Portada<\/a><\/aside>\n\t\t\t\t<h3 itemprop=\"headline\"><a href=\"https:\/\/www.psib-psoe.org\/mallorca\/cladera-el-consell-fa-uns-pressupostos-per-2024-que-viuen-de-la-inercia-del-passat\/\" title=\"Cladera: &#8220;el Consell fa uns pressupostos per 2024 que viuen de la in\u00e8rcia del passat&#8221;.\">Cladera: &#8220;el Consell fa uns pressupostos per 2024 que viuen de la in\u00e8rcia del passat&#8221;.<\/a><\/h3>\n\t\t\t<\/header>\n\t\t<\/div>\n\t\t<div class=\"post-content\">\n\t\t\t<a href=\"https:\/\/www.psib-psoe.org\/mallorca\/cladera-el-consell-fa-uns-pressupostos-per-2024-que-viuen-de-la-inercia-del-passat\/\" class=\"more-link\">Read More<\/a>\n\t\t<\/div>\n\t\t\t<aside class=\"post-bottom-meta hide\">\n\t\t<strong rel=\"author\" itemprop=\"author\" class=\"author vcard\"><span class=\"fn\">Albert<\/span><\/strong>\n\t\t<time class=\"date published time\" datetime=\"2023-11-10T14:05:00+02:00\" itemprop=\"datePublished\" content=\"2023-11-10T14:05:00+02:00\">10\/11\/2023<\/time>\n\t\t<meta itemprop=\"dateModified\" class=\"date updated\" content=\"2024-10-14T11:41:17+02:00\">\n\t\t<span class=\"hide\" itemprop=\"publisher\" itemscope itemtype=\"https:\/\/schema.org\/Organization\">\n\t\t\t<meta itemprop=\"name\" content=\"SocialistesdMca\">\n\t\t\t<span itemprop=\"logo\" itemscope itemtype=\"https:\/\/schema.org\/ImageObject\">\n\t\t\t\t<meta itemprop=\"url\" content=\"https:\/\/www.psib-psoe.org\/mallorca\/wp-content\/themes\/notio-wp\/assets\/img\/logo.png\">\n\t\t\t<\/span>\n\t\t\t<meta itemprop=\"url\" content=\"https:\/\/www.psib-psoe.org\/mallorca\/\">\n\t\t<\/span>\n\t\t\t\t<span class=\"hide\" itemprop=\"image\" itemscope itemtype=\"http:\/\/schema.org\/ImageObject\">\n\t\t\t<meta itemprop=\"url\" content=\"https:\/\/www.psib-psoe.org\/mallorca\/wp-content\/uploads\/Foto-1-1.jpeg\">\n\t\t\t<meta itemprop=\"width\" content=\"4032\">\n\t\t\t<meta itemprop=\"height\" content=\"3024\">\n\t\t<\/span>\n\t\t\t\t<meta itemscope itemprop=\"mainEntityOfPage\" itemtype=\"https:\/\/schema.org\/WebPage\" itemid=\"https:\/\/www.psib-psoe.org\/mallorca\/cladera-el-consell-fa-uns-pressupostos-per-2024-que-viuen-de-la-inercia-del-passat\/\">\n\t<\/aside>\n\t\t<\/article>\n<\/div>\n<div class=\"small-12 large-4 columns\">\n\t<article itemscope itemtype=\"http:\/\/schema.org\/Article\" class=\"post blog-style7 alt post-28034 type-post status-publish format-standard has-post-thumbnail hentry category-consell-de-mallorca category-federacio-de-mallorca category-federacio-de-mallorca-portada category-portada tag-catalina-cladera tag-consell-de-mallorca tag-javier-de-juan tag-joan-ferrer tag-juana-m-adrover tag-psib-psoe\" role=\"article\">\n\t\t<figure class=\"post-gallery\"><img loading=\"lazy\" decoding=\"async\" width=\"600\" height=\"400\" src=\"https:\/\/www.psib-psoe.org\/mallorca\/wp-content\/uploads\/Foto-1-600x400.jpeg\" class=\"attachment-notio-general-x2 size-notio-general-x2 wp-post-image\" alt=\"\" srcset=\"https:\/\/www.psib-psoe.org\/mallorca\/wp-content\/uploads\/Foto-1-600x400.jpeg 600w, https:\/\/www.psib-psoe.org\/mallorca\/wp-content\/uploads\/Foto-1-300x200.jpeg 300w, https:\/\/www.psib-psoe.org\/mallorca\/wp-content\/uploads\/Foto-1-900x600.jpeg 900w, https:\/\/www.psib-psoe.org\/mallorca\/wp-content\/uploads\/Foto-1-20x13.jpeg 20w\" sizes=\"(max-width: 600px) 100vw, 600px\" \/><\/figure>\n\t\t<div class=\"blog-top\">\n\t\t\t<header class=\"post-title entry-header\">\n\t\t\t\t<aside class=\"post-meta cf\">\n\t\t09\/11\/2023 \/ <a href=\"https:\/\/www.psib-psoe.org\/mallorca\/category\/consell-de-mallorca\/\" rel=\"category tag\">Consell de Mallorca<\/a>, <a href=\"https:\/\/www.psib-psoe.org\/mallorca\/category\/federacio-de-mallorca\/\" rel=\"category tag\">Federaci\u00f3 de Mallorca<\/a>, <a href=\"https:\/\/www.psib-psoe.org\/mallorca\/category\/federacio-de-mallorca-portada\/\" rel=\"category tag\">Federaci\u00f3 de Mallorca - Portada<\/a>, <a href=\"https:\/\/www.psib-psoe.org\/mallorca\/category\/portada\/\" rel=\"category tag\">Portada<\/a><\/aside>\n\t\t\t\t<h3 itemprop=\"headline\"><a href=\"https:\/\/www.psib-psoe.org\/mallorca\/el-ple-del-consell-condemna-els-atacs-violents-contra-els-valors-democratics-a-instancies-del-grup-socialista\/\" title=\"El Ple del Consell condemna els atacs violents contra els valors democr\u00e0tics a inst\u00e0ncies del Grup Socialista\">El Ple del Consell condemna els atacs violents contra els valors democr\u00e0tics a inst\u00e0ncies del Grup Socialista<\/a><\/h3>\n\t\t\t<\/header>\n\t\t<\/div>\n\t\t<div class=\"post-content\">\n\t\t\t<a href=\"https:\/\/www.psib-psoe.org\/mallorca\/el-ple-del-consell-condemna-els-atacs-violents-contra-els-valors-democratics-a-instancies-del-grup-socialista\/\" class=\"more-link\">Read More<\/a>\n\t\t<\/div>\n\t\t\t<aside class=\"post-bottom-meta hide\">\n\t\t<strong rel=\"author\" itemprop=\"author\" class=\"author vcard\"><span class=\"fn\">Albert<\/span><\/strong>\n\t\t<time class=\"date published time\" datetime=\"2023-11-09T18:00:43+02:00\" itemprop=\"datePublished\" content=\"2023-11-09T18:00:43+02:00\">09\/11\/2023<\/time>\n\t\t<meta itemprop=\"dateModified\" class=\"date updated\" content=\"2024-10-14T11:41:17+02:00\">\n\t\t<span class=\"hide\" itemprop=\"publisher\" itemscope itemtype=\"https:\/\/schema.org\/Organization\">\n\t\t\t<meta itemprop=\"name\" content=\"SocialistesdMca\">\n\t\t\t<span itemprop=\"logo\" itemscope itemtype=\"https:\/\/schema.org\/ImageObject\">\n\t\t\t\t<meta itemprop=\"url\" content=\"https:\/\/www.psib-psoe.org\/mallorca\/wp-content\/themes\/notio-wp\/assets\/img\/logo.png\">\n\t\t\t<\/span>\n\t\t\t<meta itemprop=\"url\" content=\"https:\/\/www.psib-psoe.org\/mallorca\/\">\n\t\t<\/span>\n\t\t\t\t<span class=\"hide\" itemprop=\"image\" itemscope itemtype=\"http:\/\/schema.org\/ImageObject\">\n\t\t\t<meta itemprop=\"url\" content=\"https:\/\/www.psib-psoe.org\/mallorca\/wp-content\/uploads\/Foto-1.jpeg\">\n\t\t\t<meta itemprop=\"width\" content=\"4032\">\n\t\t\t<meta itemprop=\"height\" content=\"3024\">\n\t\t<\/span>\n\t\t\t\t<meta itemscope itemprop=\"mainEntityOfPage\" itemtype=\"https:\/\/schema.org\/WebPage\" itemid=\"https:\/\/www.psib-psoe.org\/mallorca\/el-ple-del-consell-condemna-els-atacs-violents-contra-els-valors-democratics-a-instancies-del-grup-socialista\/\">\n\t<\/aside>\n\t\t<\/article>\n<\/div>\n<div class=\"small-12 large-4 columns\">\n\t<article itemscope itemtype=\"http:\/\/schema.org\/Article\" class=\"post blog-style7 alt post-28030 type-post status-publish format-standard has-post-thumbnail hentry category-consell-de-mallorca category-federacio-de-mallorca category-federacio-de-mallorca-portada category-portada tag-catalina-cladera tag-consell-de-mallorca tag-psib-psoe\" role=\"article\">\n\t\t<figure class=\"post-gallery\"><img loading=\"lazy\" decoding=\"async\" width=\"600\" height=\"400\" src=\"https:\/\/www.psib-psoe.org\/mallorca\/wp-content\/uploads\/Cladera2-600x400.jpeg\" class=\"attachment-notio-general-x2 size-notio-general-x2 wp-post-image\" alt=\"\" srcset=\"https:\/\/www.psib-psoe.org\/mallorca\/wp-content\/uploads\/Cladera2-600x400.jpeg 600w, https:\/\/www.psib-psoe.org\/mallorca\/wp-content\/uploads\/Cladera2-300x200.jpeg 300w, https:\/\/www.psib-psoe.org\/mallorca\/wp-content\/uploads\/Cladera2-900x600.jpeg 900w, https:\/\/www.psib-psoe.org\/mallorca\/wp-content\/uploads\/Cladera2-20x13.jpeg 20w\" sizes=\"(max-width: 600px) 100vw, 600px\" \/><\/figure>\n\t\t<div class=\"blog-top\">\n\t\t\t<header class=\"post-title entry-header\">\n\t\t\t\t<aside class=\"post-meta cf\">\n\t\t08\/11\/2023 \/ <a href=\"https:\/\/www.psib-psoe.org\/mallorca\/category\/consell-de-mallorca\/\" rel=\"category tag\">Consell de Mallorca<\/a>, <a href=\"https:\/\/www.psib-psoe.org\/mallorca\/category\/federacio-de-mallorca\/\" rel=\"category tag\">Federaci\u00f3 de Mallorca<\/a>, <a href=\"https:\/\/www.psib-psoe.org\/mallorca\/category\/federacio-de-mallorca-portada\/\" rel=\"category tag\">Federaci\u00f3 de Mallorca - Portada<\/a>, <a href=\"https:\/\/www.psib-psoe.org\/mallorca\/category\/portada\/\" rel=\"category tag\">Portada<\/a><\/aside>\n\t\t\t\t<h3 itemprop=\"headline\"><a href=\"https:\/\/www.psib-psoe.org\/mallorca\/el-socialistes-del-consell-de-mallorca-presenten-durgencia-una-mocio-de-condemna-als-actes-violents-davant-les-seus-del-psoe\/\" title=\"Els Socialistes del Consell de Mallorca presenten d&#8217;urg\u00e8ncia una moci\u00f3 de condemna als actes violents davant les seus del PSOE\">Els Socialistes del Consell de Mallorca presenten d&#8217;urg\u00e8ncia una moci\u00f3 de condemna als actes violents davant les seus del PSOE<\/a><\/h3>\n\t\t\t<\/header>\n\t\t<\/div>\n\t\t<div class=\"post-content\">\n\t\t\t<a href=\"https:\/\/www.psib-psoe.org\/mallorca\/el-socialistes-del-consell-de-mallorca-presenten-durgencia-una-mocio-de-condemna-als-actes-violents-davant-les-seus-del-psoe\/\" class=\"more-link\">Read More<\/a>\n\t\t<\/div>\n\t\t\t<aside class=\"post-bottom-meta hide\">\n\t\t<strong rel=\"author\" itemprop=\"author\" class=\"author vcard\"><span class=\"fn\">Albert<\/span><\/strong>\n\t\t<time class=\"date published time\" datetime=\"2023-11-08T14:35:02+02:00\" itemprop=\"datePublished\" content=\"2023-11-08T14:35:02+02:00\">08\/11\/2023<\/time>\n\t\t<meta itemprop=\"dateModified\" class=\"date updated\" content=\"2024-10-14T11:41:17+02:00\">\n\t\t<span class=\"hide\" itemprop=\"publisher\" itemscope itemtype=\"https:\/\/schema.org\/Organization\">\n\t\t\t<meta itemprop=\"name\" content=\"SocialistesdMca\">\n\t\t\t<span itemprop=\"logo\" itemscope itemtype=\"https:\/\/schema.org\/ImageObject\">\n\t\t\t\t<meta itemprop=\"url\" content=\"https:\/\/www.psib-psoe.org\/mallorca\/wp-content\/themes\/notio-wp\/assets\/img\/logo.png\">\n\t\t\t<\/span>\n\t\t\t<meta itemprop=\"url\" content=\"https:\/\/www.psib-psoe.org\/mallorca\/\">\n\t\t<\/span>\n\t\t\t\t<span class=\"hide\" itemprop=\"image\" itemscope itemtype=\"http:\/\/schema.org\/ImageObject\">\n\t\t\t<meta itemprop=\"url\" content=\"https:\/\/www.psib-psoe.org\/mallorca\/wp-content\/uploads\/Cladera2.jpeg\">\n\t\t\t<meta itemprop=\"width\" content=\"2000\">\n\t\t\t<meta itemprop=\"height\" content=\"900\">\n\t\t<\/span>\n\t\t\t\t<meta itemscope itemprop=\"mainEntityOfPage\" itemtype=\"https:\/\/schema.org\/WebPage\" itemid=\"https:\/\/www.psib-psoe.org\/mallorca\/el-socialistes-del-consell-de-mallorca-presenten-durgencia-una-mocio-de-condemna-als-actes-violents-davant-les-seus-del-psoe\/\">\n\t<\/aside>\n\t\t<\/article>\n<\/div>\n<div class=\"small-12 large-4 columns\">\n\t<article itemscope itemtype=\"http:\/\/schema.org\/Article\" class=\"post blog-style7 alt post-28028 type-post status-publish format-standard has-post-thumbnail hentry category-consell-de-mallorca category-federacio-de-mallorca category-federacio-de-mallorca-portada category-portada tag-catalina-cladera tag-consell-de-mallorca tag-imas tag-psib-psoe tag-sofia-alonso\" role=\"article\">\n\t\t<figure class=\"post-gallery\"><img loading=\"lazy\" decoding=\"async\" width=\"600\" height=\"400\" src=\"https:\/\/www.psib-psoe.org\/mallorca\/wp-content\/uploads\/Disseny-sense-ti\u0301tol-5-600x400.jpg\" class=\"attachment-notio-general-x2 size-notio-general-x2 wp-post-image\" alt=\"\" srcset=\"https:\/\/www.psib-psoe.org\/mallorca\/wp-content\/uploads\/Disseny-sense-ti\u0301tol-5-600x400.jpg 600w, https:\/\/www.psib-psoe.org\/mallorca\/wp-content\/uploads\/Disseny-sense-ti\u0301tol-5-300x200.jpg 300w, https:\/\/www.psib-psoe.org\/mallorca\/wp-content\/uploads\/Disseny-sense-ti\u0301tol-5-900x600.jpg 900w, https:\/\/www.psib-psoe.org\/mallorca\/wp-content\/uploads\/Disseny-sense-ti\u0301tol-5-20x13.jpg 20w\" sizes=\"(max-width: 600px) 100vw, 600px\" \/><\/figure>\n\t\t<div class=\"blog-top\">\n\t\t\t<header class=\"post-title entry-header\">\n\t\t\t\t<aside class=\"post-meta cf\">\n\t\t07\/11\/2023 \/ <a href=\"https:\/\/www.psib-psoe.org\/mallorca\/category\/consell-de-mallorca\/\" rel=\"category tag\">Consell de Mallorca<\/a>, <a href=\"https:\/\/www.psib-psoe.org\/mallorca\/category\/federacio-de-mallorca\/\" rel=\"category tag\">Federaci\u00f3 de Mallorca<\/a>, <a href=\"https:\/\/www.psib-psoe.org\/mallorca\/category\/federacio-de-mallorca-portada\/\" rel=\"category tag\">Federaci\u00f3 de Mallorca - Portada<\/a>, <a href=\"https:\/\/www.psib-psoe.org\/mallorca\/category\/portada\/\" rel=\"category tag\">Portada<\/a><\/aside>\n\t\t\t\t<h3 itemprop=\"headline\"><a href=\"https:\/\/www.psib-psoe.org\/mallorca\/limas-elimina-les-ajudes-a-40-000-families-de-mallorca-en-el-pressupost-de-2024\/\" title=\"L&#8217;IMAS elimina les ajudes a 40.000 fam\u00edlies de Mallorca en el pressupost de 2024\">L&#8217;IMAS elimina les ajudes a 40.000 fam\u00edlies de Mallorca en el pressupost de 2024<\/a><\/h3>\n\t\t\t<\/header>\n\t\t<\/div>\n\t\t<div class=\"post-content\">\n\t\t\t<a href=\"https:\/\/www.psib-psoe.org\/mallorca\/limas-elimina-les-ajudes-a-40-000-families-de-mallorca-en-el-pressupost-de-2024\/\" class=\"more-link\">Read More<\/a>\n\t\t<\/div>\n\t\t\t<aside class=\"post-bottom-meta hide\">\n\t\t<strong rel=\"author\" itemprop=\"author\" class=\"author vcard\"><span class=\"fn\">Albert<\/span><\/strong>\n\t\t<time class=\"date published time\" datetime=\"2023-11-07T18:02:21+02:00\" itemprop=\"datePublished\" content=\"2023-11-07T18:02:21+02:00\">07\/11\/2023<\/time>\n\t\t<meta itemprop=\"dateModified\" class=\"date updated\" content=\"2024-10-14T11:41:17+02:00\">\n\t\t<span class=\"hide\" itemprop=\"publisher\" itemscope itemtype=\"https:\/\/schema.org\/Organization\">\n\t\t\t<meta itemprop=\"name\" content=\"SocialistesdMca\">\n\t\t\t<span itemprop=\"logo\" itemscope itemtype=\"https:\/\/schema.org\/ImageObject\">\n\t\t\t\t<meta itemprop=\"url\" content=\"https:\/\/www.psib-psoe.org\/mallorca\/wp-content\/themes\/notio-wp\/assets\/img\/logo.png\">\n\t\t\t<\/span>\n\t\t\t<meta itemprop=\"url\" content=\"https:\/\/www.psib-psoe.org\/mallorca\/\">\n\t\t<\/span>\n\t\t\t\t<span class=\"hide\" itemprop=\"image\" itemscope itemtype=\"http:\/\/schema.org\/ImageObject\">\n\t\t\t<meta itemprop=\"url\" content=\"https:\/\/www.psib-psoe.org\/mallorca\/wp-content\/uploads\/Disseny-sense-ti\u0301tol-5.jpg\">\n\t\t\t<meta itemprop=\"width\" content=\"1920\">\n\t\t\t<meta itemprop=\"height\" content=\"1080\">\n\t\t<\/span>\n\t\t\t\t<meta itemscope itemprop=\"mainEntityOfPage\" itemtype=\"https:\/\/schema.org\/WebPage\" itemid=\"https:\/\/www.psib-psoe.org\/mallorca\/limas-elimina-les-ajudes-a-40-000-families-de-mallorca-en-el-pressupost-de-2024\/\">\n\t<\/aside>\n\t\t<\/article>\n<\/div>\n<div class=\"small-12 large-4 columns\">\n\t<article itemscope itemtype=\"http:\/\/schema.org\/Article\" class=\"post blog-style7 alt post-28025 type-post status-publish format-standard has-post-thumbnail hentry category-consell-de-mallorca category-federacio-de-mallorca category-federacio-de-mallorca-portada category-portada tag-andreu-serra tag-catalina-cladera tag-consell-de-mallorca tag-psib-psoe\" role=\"article\">\n\t\t<figure class=\"post-gallery\"><img loading=\"lazy\" decoding=\"async\" width=\"600\" height=\"400\" src=\"https:\/\/www.psib-psoe.org\/mallorca\/wp-content\/uploads\/Fotos-ple-191023-3-1-600x400.jpeg\" class=\"attachment-notio-general-x2 size-notio-general-x2 wp-post-image\" alt=\"\" srcset=\"https:\/\/www.psib-psoe.org\/mallorca\/wp-content\/uploads\/Fotos-ple-191023-3-1-600x400.jpeg 600w, https:\/\/www.psib-psoe.org\/mallorca\/wp-content\/uploads\/Fotos-ple-191023-3-1-300x200.jpeg 300w, https:\/\/www.psib-psoe.org\/mallorca\/wp-content\/uploads\/Fotos-ple-191023-3-1-900x600.jpeg 900w, https:\/\/www.psib-psoe.org\/mallorca\/wp-content\/uploads\/Fotos-ple-191023-3-1-20x13.jpeg 20w\" sizes=\"(max-width: 600px) 100vw, 600px\" \/><\/figure>\n\t\t<div class=\"blog-top\">\n\t\t\t<header class=\"post-title entry-header\">\n\t\t\t\t<aside class=\"post-meta cf\">\n\t\t06\/11\/2023 \/ <a href=\"https:\/\/www.psib-psoe.org\/mallorca\/category\/consell-de-mallorca\/\" rel=\"category tag\">Consell de Mallorca<\/a>, <a href=\"https:\/\/www.psib-psoe.org\/mallorca\/category\/federacio-de-mallorca\/\" rel=\"category tag\">Federaci\u00f3 de Mallorca<\/a>, <a href=\"https:\/\/www.psib-psoe.org\/mallorca\/category\/federacio-de-mallorca-portada\/\" rel=\"category tag\">Federaci\u00f3 de Mallorca - Portada<\/a>, <a href=\"https:\/\/www.psib-psoe.org\/mallorca\/category\/portada\/\" rel=\"category tag\">Portada<\/a><\/aside>\n\t\t\t\t<h3 itemprop=\"headline\"><a href=\"https:\/\/www.psib-psoe.org\/mallorca\/el-consell-de-mallorca-es-presenta-a-la-world-travel-market-sense-cap-pla-de-promocio-per-al-mercat-britanic\/\" title=\"El Consell de Mallorca es presenta a la World Travel Market sense cap pla de promoci\u00f3 per al mercat brit\u00e0nic.\">El Consell de Mallorca es presenta a la World Travel Market sense cap pla de promoci\u00f3 per al mercat brit\u00e0nic.<\/a><\/h3>\n\t\t\t<\/header>\n\t\t<\/div>\n\t\t<div class=\"post-content\">\n\t\t\t<a href=\"https:\/\/www.psib-psoe.org\/mallorca\/el-consell-de-mallorca-es-presenta-a-la-world-travel-market-sense-cap-pla-de-promocio-per-al-mercat-britanic\/\" class=\"more-link\">Read More<\/a>\n\t\t<\/div>\n\t\t\t<aside class=\"post-bottom-meta hide\">\n\t\t<strong rel=\"author\" itemprop=\"author\" class=\"author vcard\"><span class=\"fn\">Albert<\/span><\/strong>\n\t\t<time class=\"date published time\" datetime=\"2023-11-06T11:38:27+02:00\" itemprop=\"datePublished\" content=\"2023-11-06T11:38:27+02:00\">06\/11\/2023<\/time>\n\t\t<meta itemprop=\"dateModified\" class=\"date updated\" content=\"2024-10-14T11:41:17+02:00\">\n\t\t<span class=\"hide\" itemprop=\"publisher\" itemscope itemtype=\"https:\/\/schema.org\/Organization\">\n\t\t\t<meta itemprop=\"name\" content=\"SocialistesdMca\">\n\t\t\t<span itemprop=\"logo\" itemscope itemtype=\"https:\/\/schema.org\/ImageObject\">\n\t\t\t\t<meta itemprop=\"url\" content=\"https:\/\/www.psib-psoe.org\/mallorca\/wp-content\/themes\/notio-wp\/assets\/img\/logo.png\">\n\t\t\t<\/span>\n\t\t\t<meta itemprop=\"url\" content=\"https:\/\/www.psib-psoe.org\/mallorca\/\">\n\t\t<\/span>\n\t\t\t\t<span class=\"hide\" itemprop=\"image\" itemscope itemtype=\"http:\/\/schema.org\/ImageObject\">\n\t\t\t<meta itemprop=\"url\" content=\"https:\/\/www.psib-psoe.org\/mallorca\/wp-content\/uploads\/Fotos-ple-191023-3-1.jpeg\">\n\t\t\t<meta itemprop=\"width\" content=\"2048\">\n\t\t\t<meta itemprop=\"height\" content=\"1536\">\n\t\t<\/span>\n\t\t\t\t<meta itemscope itemprop=\"mainEntityOfPage\" itemtype=\"https:\/\/schema.org\/WebPage\" itemid=\"https:\/\/www.psib-psoe.org\/mallorca\/el-consell-de-mallorca-es-presenta-a-la-world-travel-market-sense-cap-pla-de-promocio-per-al-mercat-britanic\/\">\n\t<\/aside>\n\t\t<\/article>\n<\/div>\n<div class=\"small-12 large-4 columns\">\n\t<article itemscope itemtype=\"http:\/\/schema.org\/Article\" class=\"post blog-style7 alt post-28022 type-post status-publish format-standard has-post-thumbnail hentry category-consell-de-mallorca category-federacio-de-mallorca category-federacio-de-mallorca-portada category-municipis category-portada tag-consell-de-mallorca tag-psib-psoe\" role=\"article\">\n\t\t<figure class=\"post-gallery\"><img loading=\"lazy\" decoding=\"async\" width=\"600\" height=\"400\" src=\"https:\/\/www.psib-psoe.org\/mallorca\/wp-content\/uploads\/Regidors-5-600x400.jpeg\" class=\"attachment-notio-general-x2 size-notio-general-x2 wp-post-image\" alt=\"\" srcset=\"https:\/\/www.psib-psoe.org\/mallorca\/wp-content\/uploads\/Regidors-5-600x400.jpeg 600w, https:\/\/www.psib-psoe.org\/mallorca\/wp-content\/uploads\/Regidors-5-300x200.jpeg 300w, https:\/\/www.psib-psoe.org\/mallorca\/wp-content\/uploads\/Regidors-5-900x600.jpeg 900w, https:\/\/www.psib-psoe.org\/mallorca\/wp-content\/uploads\/Regidors-5-20x13.jpeg 20w\" sizes=\"(max-width: 600px) 100vw, 600px\" \/><\/figure>\n\t\t<div class=\"blog-top\">\n\t\t\t<header class=\"post-title entry-header\">\n\t\t\t\t<aside class=\"post-meta cf\">\n\t\t04\/11\/2023 \/ <a href=\"https:\/\/www.psib-psoe.org\/mallorca\/category\/consell-de-mallorca\/\" rel=\"category tag\">Consell de Mallorca<\/a>, <a href=\"https:\/\/www.psib-psoe.org\/mallorca\/category\/federacio-de-mallorca\/\" rel=\"category tag\">Federaci\u00f3 de Mallorca<\/a>, <a href=\"https:\/\/www.psib-psoe.org\/mallorca\/category\/federacio-de-mallorca-portada\/\" rel=\"category tag\">Federaci\u00f3 de Mallorca - Portada<\/a>, <a href=\"https:\/\/www.psib-psoe.org\/mallorca\/category\/municipis\/\" rel=\"category tag\">Municipis<\/a>, <a href=\"https:\/\/www.psib-psoe.org\/mallorca\/category\/portada\/\" rel=\"category tag\">Portada<\/a><\/aside>\n\t\t\t\t<h3 itemprop=\"headline\"><a href=\"https:\/\/www.psib-psoe.org\/mallorca\/armengol-a-lobertura-de-lassemblea-de-regidors-i-regidores-socialistes-de-mallorcaestem-mes-que-mai-amb-la-comunitat-educativa-de-les-illes-balears\/\" title=\"Armengol a l&#8217;obertura de l&#8217;Assemblea de Regidors i Regidores Socialistes de Mallorca:&#8221;Estem m\u00e9s que mai amb la comunitat educativa de les Illes Balears&#8221;.\">Armengol a l&#8217;obertura de l&#8217;Assemblea de Regidors i Regidores Socialistes de Mallorca:&#8221;Estem m\u00e9s que mai amb la comunitat educativa de les Illes Balears&#8221;.<\/a><\/h3>\n\t\t\t<\/header>\n\t\t<\/div>\n\t\t<div class=\"post-content\">\n\t\t\t<a href=\"https:\/\/www.psib-psoe.org\/mallorca\/armengol-a-lobertura-de-lassemblea-de-regidors-i-regidores-socialistes-de-mallorcaestem-mes-que-mai-amb-la-comunitat-educativa-de-les-illes-balears\/\" class=\"more-link\">Read More<\/a>\n\t\t<\/div>\n\t\t\t<aside class=\"post-bottom-meta hide\">\n\t\t<strong rel=\"author\" itemprop=\"author\" class=\"author vcard\"><span class=\"fn\">Albert<\/span><\/strong>\n\t\t<time class=\"date published time\" datetime=\"2023-11-04T13:59:09+02:00\" itemprop=\"datePublished\" content=\"2023-11-04T13:59:09+02:00\">04\/11\/2023<\/time>\n\t\t<meta itemprop=\"dateModified\" class=\"date updated\" content=\"2024-10-14T11:41:17+02:00\">\n\t\t<span class=\"hide\" itemprop=\"publisher\" itemscope itemtype=\"https:\/\/schema.org\/Organization\">\n\t\t\t<meta itemprop=\"name\" content=\"SocialistesdMca\">\n\t\t\t<span itemprop=\"logo\" itemscope itemtype=\"https:\/\/schema.org\/ImageObject\">\n\t\t\t\t<meta itemprop=\"url\" content=\"https:\/\/www.psib-psoe.org\/mallorca\/wp-content\/themes\/notio-wp\/assets\/img\/logo.png\">\n\t\t\t<\/span>\n\t\t\t<meta itemprop=\"url\" content=\"https:\/\/www.psib-psoe.org\/mallorca\/\">\n\t\t<\/span>\n\t\t\t\t<span class=\"hide\" itemprop=\"image\" itemscope itemtype=\"http:\/\/schema.org\/ImageObject\">\n\t\t\t<meta itemprop=\"url\" content=\"https:\/\/www.psib-psoe.org\/mallorca\/wp-content\/uploads\/Regidors-5.jpeg\">\n\t\t\t<meta itemprop=\"width\" content=\"5120\">\n\t\t\t<meta itemprop=\"height\" content=\"2148\">\n\t\t<\/span>\n\t\t\t\t<meta itemscope itemprop=\"mainEntityOfPage\" itemtype=\"https:\/\/schema.org\/WebPage\" itemid=\"https:\/\/www.psib-psoe.org\/mallorca\/armengol-a-lobertura-de-lassemblea-de-regidors-i-regidores-socialistes-de-mallorcaestem-mes-que-mai-amb-la-comunitat-educativa-de-les-illes-balears\/\">\n\t<\/aside>\n\t\t<\/article>\n<\/div>\n<div class=\"small-12 large-4 columns\">\n\t<article itemscope itemtype=\"http:\/\/schema.org\/Article\" class=\"post blog-style7 alt post-28018 type-post status-publish format-standard has-post-thumbnail hentry category-consell-de-mallorca category-federacio-de-mallorca category-federacio-de-mallorca-portada category-portada tag-consell-de-mallorca tag-psib-psoe\" role=\"article\">\n\t\t<figure class=\"post-gallery\"><img loading=\"lazy\" decoding=\"async\" width=\"600\" height=\"370\" src=\"https:\/\/www.psib-psoe.org\/mallorca\/wp-content\/uploads\/031123-Foto-Arxiu-600x370.jpeg\" class=\"attachment-notio-general-x2 size-notio-general-x2 wp-post-image\" alt=\"\" srcset=\"https:\/\/www.psib-psoe.org\/mallorca\/wp-content\/uploads\/031123-Foto-Arxiu-600x370.jpeg 600w, https:\/\/www.psib-psoe.org\/mallorca\/wp-content\/uploads\/031123-Foto-Arxiu-20x13.jpeg 20w\" sizes=\"(max-width: 600px) 100vw, 600px\" \/><\/figure>\n\t\t<div class=\"blog-top\">\n\t\t\t<header class=\"post-title entry-header\">\n\t\t\t\t<aside class=\"post-meta cf\">\n\t\t03\/11\/2023 \/ <a href=\"https:\/\/www.psib-psoe.org\/mallorca\/category\/consell-de-mallorca\/\" rel=\"category tag\">Consell de Mallorca<\/a>, <a href=\"https:\/\/www.psib-psoe.org\/mallorca\/category\/federacio-de-mallorca\/\" rel=\"category tag\">Federaci\u00f3 de Mallorca<\/a>, <a href=\"https:\/\/www.psib-psoe.org\/mallorca\/category\/federacio-de-mallorca-portada\/\" rel=\"category tag\">Federaci\u00f3 de Mallorca - Portada<\/a>, <a href=\"https:\/\/www.psib-psoe.org\/mallorca\/category\/portada\/\" rel=\"category tag\">Portada<\/a><\/aside>\n\t\t\t\t<h3 itemprop=\"headline\"><a href=\"https:\/\/www.psib-psoe.org\/mallorca\/lanunci-de-la-condonacio-de-1-000-milions-del-deute-historic-de-balears-amb-lestat-es-una-excellent-noticia-que-confirma-la-feina-de-8-anys-de-governs-liderats-per-armengol\/\" title=\"L&#8217;anunci de la condonaci\u00f3 de 1.000 milions del deute hist\u00f2ric de Balears amb l&#8217;Estat \u00e9s una excel\u00b7lent not\u00edcia que confirma la feina de 8 anys de governs liderats per Armengol\">L&#8217;anunci de la condonaci\u00f3 de 1.000 milions del deute hist\u00f2ric de Balears amb l&#8217;Estat \u00e9s una excel\u00b7lent not\u00edcia que confirma la feina de 8 anys de governs liderats per Armengol<\/a><\/h3>\n\t\t\t<\/header>\n\t\t<\/div>\n\t\t<div class=\"post-content\">\n\t\t\t<a href=\"https:\/\/www.psib-psoe.org\/mallorca\/lanunci-de-la-condonacio-de-1-000-milions-del-deute-historic-de-balears-amb-lestat-es-una-excellent-noticia-que-confirma-la-feina-de-8-anys-de-governs-liderats-per-armengol\/\" class=\"more-link\">Read More<\/a>\n\t\t<\/div>\n\t\t\t<aside class=\"post-bottom-meta hide\">\n\t\t<strong rel=\"author\" itemprop=\"author\" class=\"author vcard\"><span class=\"fn\">Socialistes de Mallorca<\/span><\/strong>\n\t\t<time class=\"date published time\" datetime=\"2023-11-03T15:01:44+02:00\" itemprop=\"datePublished\" content=\"2023-11-03T15:01:44+02:00\">03\/11\/2023<\/time>\n\t\t<meta itemprop=\"dateModified\" class=\"date updated\" content=\"2024-10-14T11:41:18+02:00\">\n\t\t<span class=\"hide\" itemprop=\"publisher\" itemscope itemtype=\"https:\/\/schema.org\/Organization\">\n\t\t\t<meta itemprop=\"name\" content=\"SocialistesdMca\">\n\t\t\t<span itemprop=\"logo\" itemscope itemtype=\"https:\/\/schema.org\/ImageObject\">\n\t\t\t\t<meta itemprop=\"url\" content=\"https:\/\/www.psib-psoe.org\/mallorca\/wp-content\/themes\/notio-wp\/assets\/img\/logo.png\">\n\t\t\t<\/span>\n\t\t\t<meta itemprop=\"url\" content=\"https:\/\/www.psib-psoe.org\/mallorca\/\">\n\t\t<\/span>\n\t\t\t\t<span class=\"hide\" itemprop=\"image\" itemscope itemtype=\"http:\/\/schema.org\/ImageObject\">\n\t\t\t<meta itemprop=\"url\" content=\"https:\/\/www.psib-psoe.org\/mallorca\/wp-content\/uploads\/031123-Foto-Arxiu.jpeg\">\n\t\t\t<meta itemprop=\"width\" content=\"660\">\n\t\t\t<meta itemprop=\"height\" content=\"370\">\n\t\t<\/span>\n\t\t\t\t<meta itemscope itemprop=\"mainEntityOfPage\" itemtype=\"https:\/\/schema.org\/WebPage\" itemid=\"https:\/\/www.psib-psoe.org\/mallorca\/lanunci-de-la-condonacio-de-1-000-milions-del-deute-historic-de-balears-amb-lestat-es-una-excellent-noticia-que-confirma-la-feina-de-8-anys-de-governs-liderats-per-armengol\/\">\n\t<\/aside>\n\t\t<\/article>\n<\/div>\n<div class=\"small-12 large-4 columns\">\n\t<article itemscope itemtype=\"http:\/\/schema.org\/Article\" class=\"post blog-style7 alt post-28004 type-post status-publish format-standard has-post-thumbnail hentry category-federacio-de-mallorca category-federacio-de-mallorca-portada category-municipis category-portada tag-catalina-cladera tag-francina-armengol tag-montuiri tag-psib-psoe\" role=\"article\">\n\t\t<figure class=\"post-gallery\"><img loading=\"lazy\" decoding=\"async\" width=\"600\" height=\"400\" src=\"https:\/\/www.psib-psoe.org\/mallorca\/wp-content\/uploads\/ASSEMBLEA-REGIDORSES-600x400.jpg\" class=\"attachment-notio-general-x2 size-notio-general-x2 wp-post-image\" alt=\"\" srcset=\"https:\/\/www.psib-psoe.org\/mallorca\/wp-content\/uploads\/ASSEMBLEA-REGIDORSES-600x400.jpg 600w, https:\/\/www.psib-psoe.org\/mallorca\/wp-content\/uploads\/ASSEMBLEA-REGIDORSES-300x200.jpg 300w, https:\/\/www.psib-psoe.org\/mallorca\/wp-content\/uploads\/ASSEMBLEA-REGIDORSES-900x600.jpg 900w, https:\/\/www.psib-psoe.org\/mallorca\/wp-content\/uploads\/ASSEMBLEA-REGIDORSES-20x13.jpg 20w\" sizes=\"(max-width: 600px) 100vw, 600px\" \/><\/figure>\n\t\t<div class=\"blog-top\">\n\t\t\t<header class=\"post-title entry-header\">\n\t\t\t\t<aside class=\"post-meta cf\">\n\t\t02\/11\/2023 \/ <a href=\"https:\/\/www.psib-psoe.org\/mallorca\/category\/federacio-de-mallorca\/\" rel=\"category tag\">Federaci\u00f3 de Mallorca<\/a>, <a href=\"https:\/\/www.psib-psoe.org\/mallorca\/category\/federacio-de-mallorca-portada\/\" rel=\"category tag\">Federaci\u00f3 de Mallorca - Portada<\/a>, <a href=\"https:\/\/www.psib-psoe.org\/mallorca\/category\/municipis\/\" rel=\"category tag\">Municipis<\/a>, <a href=\"https:\/\/www.psib-psoe.org\/mallorca\/category\/portada\/\" rel=\"category tag\">Portada<\/a><\/aside>\n\t\t\t\t<h3 itemprop=\"headline\"><a href=\"https:\/\/www.psib-psoe.org\/mallorca\/armengol-i-cladera-a-lassemblea-de-regidors-socialistes-aquest-dissabte-a-montuiri\/\" title=\"Armengol i Cladera a l&#8217;Assemblea de Regidors Socialistes, aquest dissabte a Montu\u00efri\">Armengol i Cladera a l&#8217;Assemblea de Regidors Socialistes, aquest dissabte a Montu\u00efri<\/a><\/h3>\n\t\t\t<\/header>\n\t\t<\/div>\n\t\t<div class=\"post-content\">\n\t\t\t<a href=\"https:\/\/www.psib-psoe.org\/mallorca\/armengol-i-cladera-a-lassemblea-de-regidors-socialistes-aquest-dissabte-a-montuiri\/\" class=\"more-link\">Read More<\/a>\n\t\t<\/div>\n\t\t\t<aside class=\"post-bottom-meta hide\">\n\t\t<strong rel=\"author\" itemprop=\"author\" class=\"author vcard\"><span class=\"fn\">Socialistes de Mallorca<\/span><\/strong>\n\t\t<time class=\"date published time\" datetime=\"2023-11-02T12:04:46+02:00\" itemprop=\"datePublished\" content=\"2023-11-02T12:04:46+02:00\">02\/11\/2023<\/time>\n\t\t<meta itemprop=\"dateModified\" class=\"date updated\" content=\"2024-10-14T11:41:18+02:00\">\n\t\t<span class=\"hide\" itemprop=\"publisher\" itemscope itemtype=\"https:\/\/schema.org\/Organization\">\n\t\t\t<meta itemprop=\"name\" content=\"SocialistesdMca\">\n\t\t\t<span itemprop=\"logo\" itemscope itemtype=\"https:\/\/schema.org\/ImageObject\">\n\t\t\t\t<meta itemprop=\"url\" content=\"https:\/\/www.psib-psoe.org\/mallorca\/wp-content\/themes\/notio-wp\/assets\/img\/logo.png\">\n\t\t\t<\/span>\n\t\t\t<meta itemprop=\"url\" content=\"https:\/\/www.psib-psoe.org\/mallorca\/\">\n\t\t<\/span>\n\t\t\t\t<span class=\"hide\" itemprop=\"image\" itemscope itemtype=\"http:\/\/schema.org\/ImageObject\">\n\t\t\t<meta itemprop=\"url\" content=\"https:\/\/www.psib-psoe.org\/mallorca\/wp-content\/uploads\/ASSEMBLEA-REGIDORSES.jpg\">\n\t\t\t<meta itemprop=\"width\" content=\"1080\">\n\t\t\t<meta itemprop=\"height\" content=\"1080\">\n\t\t<\/span>\n\t\t\t\t<meta itemscope itemprop=\"mainEntityOfPage\" itemtype=\"https:\/\/schema.org\/WebPage\" itemid=\"https:\/\/www.psib-psoe.org\/mallorca\/armengol-i-cladera-a-lassemblea-de-regidors-socialistes-aquest-dissabte-a-montuiri\/\">\n\t<\/aside>\n\t\t<\/article>\n<\/div>\n<div class=\"small-12 large-4 columns\">\n\t<article itemscope itemtype=\"http:\/\/schema.org\/Article\" class=\"post blog-style7 alt post-27997 type-post status-publish format-standard has-post-thumbnail hentry category-consell-de-mallorca category-federacio-de-mallorca category-federacio-de-mallorca-portada category-municipis category-portada tag-catalina-cladera tag-consell-de-mallorca tag-psib-psoe tag-serra-de-tramuntana\" role=\"article\">\n\t\t<figure class=\"post-gallery\"><img loading=\"lazy\" decoding=\"async\" width=\"600\" height=\"400\" src=\"https:\/\/www.psib-psoe.org\/mallorca\/wp-content\/uploads\/IMG_7272-600x400.jpg\" class=\"attachment-notio-general-x2 size-notio-general-x2 wp-post-image\" alt=\"\" srcset=\"https:\/\/www.psib-psoe.org\/mallorca\/wp-content\/uploads\/IMG_7272-600x400.jpg 600w, https:\/\/www.psib-psoe.org\/mallorca\/wp-content\/uploads\/IMG_7272-300x200.jpg 300w, https:\/\/www.psib-psoe.org\/mallorca\/wp-content\/uploads\/IMG_7272-900x600.jpg 900w, https:\/\/www.psib-psoe.org\/mallorca\/wp-content\/uploads\/IMG_7272-20x13.jpg 20w\" sizes=\"(max-width: 600px) 100vw, 600px\" \/><\/figure>\n\t\t<div class=\"blog-top\">\n\t\t\t<header class=\"post-title entry-header\">\n\t\t\t\t<aside class=\"post-meta cf\">\n\t\t30\/10\/2023 \/ <a href=\"https:\/\/www.psib-psoe.org\/mallorca\/category\/consell-de-mallorca\/\" rel=\"category tag\">Consell de Mallorca<\/a>, <a href=\"https:\/\/www.psib-psoe.org\/mallorca\/category\/federacio-de-mallorca\/\" rel=\"category tag\">Federaci\u00f3 de Mallorca<\/a>, <a href=\"https:\/\/www.psib-psoe.org\/mallorca\/category\/federacio-de-mallorca-portada\/\" rel=\"category tag\">Federaci\u00f3 de Mallorca - Portada<\/a>, <a href=\"https:\/\/www.psib-psoe.org\/mallorca\/category\/municipis\/\" rel=\"category tag\">Municipis<\/a>, <a href=\"https:\/\/www.psib-psoe.org\/mallorca\/category\/portada\/\" rel=\"category tag\">Portada<\/a><\/aside>\n\t\t\t\t<h3 itemprop=\"headline\"><a href=\"https:\/\/www.psib-psoe.org\/mallorca\/ppvox-al-consell-preten-fer-una-nova-llei-de-la-serra-de-tramuntana-per-afavorir-lespeculacio-urbanistica-i-els-usos-turistics-en-rustic\/\" title=\"PPVOX al Consell pret\u00e9n fer una nova Llei de la Serra de Tramuntana per afavorir l&#8217;especulaci\u00f3 urban\u00edstica i els usos tur\u00edstics en r\u00fastic.\">PPVOX al Consell pret\u00e9n fer una nova Llei de la Serra de Tramuntana per afavorir l&#8217;especulaci\u00f3 urban\u00edstica i els usos tur\u00edstics en r\u00fastic.<\/a><\/h3>\n\t\t\t<\/header>\n\t\t<\/div>\n\t\t<div class=\"post-content\">\n\t\t\t<a href=\"https:\/\/www.psib-psoe.org\/mallorca\/ppvox-al-consell-preten-fer-una-nova-llei-de-la-serra-de-tramuntana-per-afavorir-lespeculacio-urbanistica-i-els-usos-turistics-en-rustic\/\" class=\"more-link\">Read More<\/a>\n\t\t<\/div>\n\t\t\t<aside class=\"post-bottom-meta hide\">\n\t\t<strong rel=\"author\" itemprop=\"author\" class=\"author vcard\"><span class=\"fn\">Albert<\/span><\/strong>\n\t\t<time class=\"date published time\" datetime=\"2023-10-30T14:07:36+02:00\" itemprop=\"datePublished\" content=\"2023-10-30T14:07:36+02:00\">30\/10\/2023<\/time>\n\t\t<meta itemprop=\"dateModified\" class=\"date updated\" content=\"2024-10-14T11:41:18+02:00\">\n\t\t<span class=\"hide\" itemprop=\"publisher\" itemscope itemtype=\"https:\/\/schema.org\/Organization\">\n\t\t\t<meta itemprop=\"name\" content=\"SocialistesdMca\">\n\t\t\t<span itemprop=\"logo\" itemscope itemtype=\"https:\/\/schema.org\/ImageObject\">\n\t\t\t\t<meta itemprop=\"url\" content=\"https:\/\/www.psib-psoe.org\/mallorca\/wp-content\/themes\/notio-wp\/assets\/img\/logo.png\">\n\t\t\t<\/span>\n\t\t\t<meta itemprop=\"url\" content=\"https:\/\/www.psib-psoe.org\/mallorca\/\">\n\t\t<\/span>\n\t\t\t\t<span class=\"hide\" itemprop=\"image\" itemscope itemtype=\"http:\/\/schema.org\/ImageObject\">\n\t\t\t<meta itemprop=\"url\" content=\"https:\/\/www.psib-psoe.org\/mallorca\/wp-content\/uploads\/IMG_7272.jpg\">\n\t\t\t<meta itemprop=\"width\" content=\"4032\">\n\t\t\t<meta itemprop=\"height\" content=\"3024\">\n\t\t<\/span>\n\t\t\t\t<meta itemscope itemprop=\"mainEntityOfPage\" itemtype=\"https:\/\/schema.org\/WebPage\" itemid=\"https:\/\/www.psib-psoe.org\/mallorca\/ppvox-al-consell-preten-fer-una-nova-llei-de-la-serra-de-tramuntana-per-afavorir-lespeculacio-urbanistica-i-els-usos-turistics-en-rustic\/\">\n\t<\/aside>\n\t\t<\/article>\n<\/div>\n<div class=\"small-12 large-4 columns\">\n\t<article itemscope itemtype=\"http:\/\/schema.org\/Article\" class=\"post blog-style7 alt post-27994 type-post status-publish format-standard has-post-thumbnail hentry category-consell-de-mallorca category-federacio-de-mallorca category-federacio-de-mallorca-portada category-municipis category-portada tag-catalina-cladera tag-consell-de-mallorca tag-psib-psoe\" role=\"article\">\n\t\t<figure class=\"post-gallery\"><img loading=\"lazy\" decoding=\"async\" width=\"600\" height=\"400\" src=\"https:\/\/www.psib-psoe.org\/mallorca\/wp-content\/uploads\/Cladera-rdp-130923-1-1-600x400.jpeg\" class=\"attachment-notio-general-x2 size-notio-general-x2 wp-post-image\" alt=\"\" srcset=\"https:\/\/www.psib-psoe.org\/mallorca\/wp-content\/uploads\/Cladera-rdp-130923-1-1-600x400.jpeg 600w, https:\/\/www.psib-psoe.org\/mallorca\/wp-content\/uploads\/Cladera-rdp-130923-1-1-300x200.jpeg 300w, https:\/\/www.psib-psoe.org\/mallorca\/wp-content\/uploads\/Cladera-rdp-130923-1-1-900x600.jpeg 900w, https:\/\/www.psib-psoe.org\/mallorca\/wp-content\/uploads\/Cladera-rdp-130923-1-1-20x13.jpeg 20w\" sizes=\"(max-width: 600px) 100vw, 600px\" \/><\/figure>\n\t\t<div class=\"blog-top\">\n\t\t\t<header class=\"post-title entry-header\">\n\t\t\t\t<aside class=\"post-meta cf\">\n\t\t27\/10\/2023 \/ <a href=\"https:\/\/www.psib-psoe.org\/mallorca\/category\/consell-de-mallorca\/\" rel=\"category tag\">Consell de Mallorca<\/a>, <a href=\"https:\/\/www.psib-psoe.org\/mallorca\/category\/federacio-de-mallorca\/\" rel=\"category tag\">Federaci\u00f3 de Mallorca<\/a>, <a href=\"https:\/\/www.psib-psoe.org\/mallorca\/category\/federacio-de-mallorca-portada\/\" rel=\"category tag\">Federaci\u00f3 de Mallorca - Portada<\/a>, <a href=\"https:\/\/www.psib-psoe.org\/mallorca\/category\/municipis\/\" rel=\"category tag\">Municipis<\/a>, <a href=\"https:\/\/www.psib-psoe.org\/mallorca\/category\/portada\/\" rel=\"category tag\">Portada<\/a><\/aside>\n\t\t\t\t<h3 itemprop=\"headline\"><a href=\"https:\/\/www.psib-psoe.org\/mallorca\/els-socialistes-de-mallorca-insten-a-aprovar-la-regulacio-de-les-installacions-fotovoltaiques-abans-dautoritzar-nous-projectes\/\" title=\"Els socialistes de Mallorca insten a aprovar la regulaci\u00f3 de les instal\u00b7lacions fotovoltaiques abans d&#8217;autoritzar nous projectes.\">Els socialistes de Mallorca insten a aprovar la regulaci\u00f3 de les instal\u00b7lacions fotovoltaiques abans d&#8217;autoritzar nous projectes.<\/a><\/h3>\n\t\t\t<\/header>\n\t\t<\/div>\n\t\t<div class=\"post-content\">\n\t\t\t<a href=\"https:\/\/www.psib-psoe.org\/mallorca\/els-socialistes-de-mallorca-insten-a-aprovar-la-regulacio-de-les-installacions-fotovoltaiques-abans-dautoritzar-nous-projectes\/\" class=\"more-link\">Read More<\/a>\n\t\t<\/div>\n\t\t\t<aside class=\"post-bottom-meta hide\">\n\t\t<strong rel=\"author\" itemprop=\"author\" class=\"author vcard\"><span class=\"fn\">Albert<\/span><\/strong>\n\t\t<time class=\"date published time\" datetime=\"2023-10-27T14:28:14+02:00\" itemprop=\"datePublished\" content=\"2023-10-27T14:28:14+02:00\">27\/10\/2023<\/time>\n\t\t<meta itemprop=\"dateModified\" class=\"date updated\" content=\"2024-10-14T11:41:18+02:00\">\n\t\t<span class=\"hide\" itemprop=\"publisher\" itemscope itemtype=\"https:\/\/schema.org\/Organization\">\n\t\t\t<meta itemprop=\"name\" content=\"SocialistesdMca\">\n\t\t\t<span itemprop=\"logo\" itemscope itemtype=\"https:\/\/schema.org\/ImageObject\">\n\t\t\t\t<meta itemprop=\"url\" content=\"https:\/\/www.psib-psoe.org\/mallorca\/wp-content\/themes\/notio-wp\/assets\/img\/logo.png\">\n\t\t\t<\/span>\n\t\t\t<meta itemprop=\"url\" content=\"https:\/\/www.psib-psoe.org\/mallorca\/\">\n\t\t<\/span>\n\t\t\t\t<span class=\"hide\" itemprop=\"image\" itemscope itemtype=\"http:\/\/schema.org\/ImageObject\">\n\t\t\t<meta itemprop=\"url\" content=\"https:\/\/www.psib-psoe.org\/mallorca\/wp-content\/uploads\/Cladera-rdp-130923-1-1.jpeg\">\n\t\t\t<meta itemprop=\"width\" content=\"2000\">\n\t\t\t<meta itemprop=\"height\" content=\"900\">\n\t\t<\/span>\n\t\t\t\t<meta itemscope itemprop=\"mainEntityOfPage\" itemtype=\"https:\/\/schema.org\/WebPage\" itemid=\"https:\/\/www.psib-psoe.org\/mallorca\/els-socialistes-de-mallorca-insten-a-aprovar-la-regulacio-de-les-installacions-fotovoltaiques-abans-dautoritzar-nous-projectes\/\">\n\t<\/aside>\n\t\t<\/article>\n<\/div>\n<div class=\"small-12 large-4 columns\">\n\t<article itemscope itemtype=\"http:\/\/schema.org\/Article\" class=\"post blog-style7 alt post-27986 type-post status-publish format-standard has-post-thumbnail hentry category-consell-de-mallorca category-federacio-de-mallorca category-federacio-de-mallorca-portada category-municipis category-portada tag-agrupacio-socialista-de-capdepera tag-catalina-cladera tag-cosme-bonet tag-federacio-socialista-de-mallorca tag-psib-psoe tag-rafel-fernandez\" role=\"article\">\n\t\t<figure class=\"post-gallery\"><img loading=\"lazy\" decoding=\"async\" width=\"600\" height=\"400\" src=\"https:\/\/www.psib-psoe.org\/mallorca\/wp-content\/uploads\/Assemblea-Capdepera-1-600x400.jpeg\" class=\"attachment-notio-general-x2 size-notio-general-x2 wp-post-image\" alt=\"\" srcset=\"https:\/\/www.psib-psoe.org\/mallorca\/wp-content\/uploads\/Assemblea-Capdepera-1-600x400.jpeg 600w, https:\/\/www.psib-psoe.org\/mallorca\/wp-content\/uploads\/Assemblea-Capdepera-1-300x200.jpeg 300w, https:\/\/www.psib-psoe.org\/mallorca\/wp-content\/uploads\/Assemblea-Capdepera-1-900x600.jpeg 900w, https:\/\/www.psib-psoe.org\/mallorca\/wp-content\/uploads\/Assemblea-Capdepera-1-20x13.jpeg 20w\" sizes=\"(max-width: 600px) 100vw, 600px\" \/><\/figure>\n\t\t<div class=\"blog-top\">\n\t\t\t<header class=\"post-title entry-header\">\n\t\t\t\t<aside class=\"post-meta cf\">\n\t\t24\/10\/2023 \/ <a href=\"https:\/\/www.psib-psoe.org\/mallorca\/category\/consell-de-mallorca\/\" rel=\"category tag\">Consell de Mallorca<\/a>, <a href=\"https:\/\/www.psib-psoe.org\/mallorca\/category\/federacio-de-mallorca\/\" rel=\"category tag\">Federaci\u00f3 de Mallorca<\/a>, <a href=\"https:\/\/www.psib-psoe.org\/mallorca\/category\/federacio-de-mallorca-portada\/\" rel=\"category tag\">Federaci\u00f3 de Mallorca - Portada<\/a>, <a href=\"https:\/\/www.psib-psoe.org\/mallorca\/category\/municipis\/\" rel=\"category tag\">Municipis<\/a>, <a href=\"https:\/\/www.psib-psoe.org\/mallorca\/category\/portada\/\" rel=\"category tag\">Portada<\/a><\/aside>\n\t\t\t\t<h3 itemprop=\"headline\"><a href=\"https:\/\/www.psib-psoe.org\/mallorca\/els-socialistes-de-mallorca-exigeixen-al-pp-que-no-executi-lacord-de-govern-anunciat-a-capdepera-per-que-vulnera-el-pacte-anti-transfuguisme\/\" title=\"Els socialistes de Mallorca exigeixen al  PP que no executi l&#8217;acord de govern anunciat a Capdepera per que vulnera el pacte anti-transfuguisme.\">Els socialistes de Mallorca exigeixen al  PP que no executi l&#8217;acord de govern anunciat a Capdepera per que vulnera el pacte anti-transfuguisme.<\/a><\/h3>\n\t\t\t<\/header>\n\t\t<\/div>\n\t\t<div class=\"post-content\">\n\t\t\t<a href=\"https:\/\/www.psib-psoe.org\/mallorca\/els-socialistes-de-mallorca-exigeixen-al-pp-que-no-executi-lacord-de-govern-anunciat-a-capdepera-per-que-vulnera-el-pacte-anti-transfuguisme\/\" class=\"more-link\">Read More<\/a>\n\t\t<\/div>\n\t\t\t<aside class=\"post-bottom-meta hide\">\n\t\t<strong rel=\"author\" itemprop=\"author\" class=\"author vcard\"><span class=\"fn\">Albert<\/span><\/strong>\n\t\t<time class=\"date published time\" datetime=\"2023-10-24T20:53:44+02:00\" itemprop=\"datePublished\" content=\"2023-10-24T20:53:44+02:00\">24\/10\/2023<\/time>\n\t\t<meta itemprop=\"dateModified\" class=\"date updated\" content=\"2024-10-14T11:41:18+02:00\">\n\t\t<span class=\"hide\" itemprop=\"publisher\" itemscope itemtype=\"https:\/\/schema.org\/Organization\">\n\t\t\t<meta itemprop=\"name\" content=\"SocialistesdMca\">\n\t\t\t<span itemprop=\"logo\" itemscope itemtype=\"https:\/\/schema.org\/ImageObject\">\n\t\t\t\t<meta itemprop=\"url\" content=\"https:\/\/www.psib-psoe.org\/mallorca\/wp-content\/themes\/notio-wp\/assets\/img\/logo.png\">\n\t\t\t<\/span>\n\t\t\t<meta itemprop=\"url\" content=\"https:\/\/www.psib-psoe.org\/mallorca\/\">\n\t\t<\/span>\n\t\t\t\t<span class=\"hide\" itemprop=\"image\" itemscope itemtype=\"http:\/\/schema.org\/ImageObject\">\n\t\t\t<meta itemprop=\"url\" content=\"https:\/\/www.psib-psoe.org\/mallorca\/wp-content\/uploads\/Assemblea-Capdepera-1.jpeg\">\n\t\t\t<meta itemprop=\"width\" content=\"2048\">\n\t\t\t<meta itemprop=\"height\" content=\"923\">\n\t\t<\/span>\n\t\t\t\t<meta itemscope itemprop=\"mainEntityOfPage\" itemtype=\"https:\/\/schema.org\/WebPage\" itemid=\"https:\/\/www.psib-psoe.org\/mallorca\/els-socialistes-de-mallorca-exigeixen-al-pp-que-no-executi-lacord-de-govern-anunciat-a-capdepera-per-que-vulnera-el-pacte-anti-transfuguisme\/\">\n\t<\/aside>\n\t\t<\/article>\n<\/div>\n<div class=\"small-12 large-4 columns\">\n\t<article itemscope itemtype=\"http:\/\/schema.org\/Article\" class=\"post blog-style7 alt post-27978 type-post status-publish format-standard has-post-thumbnail hentry category-consell-de-mallorca category-federacio-de-mallorca category-federacio-de-mallorca-portada category-municipis category-portada tag-catalina-cladera tag-consell-de-mallorca tag-imas tag-psib-psoe\" role=\"article\">\n\t\t<figure class=\"post-gallery\"><img loading=\"lazy\" decoding=\"async\" width=\"600\" height=\"400\" src=\"https:\/\/www.psib-psoe.org\/mallorca\/wp-content\/uploads\/Fotos-ple-191023-3-600x400.jpeg\" class=\"attachment-notio-general-x2 size-notio-general-x2 wp-post-image\" alt=\"\" srcset=\"https:\/\/www.psib-psoe.org\/mallorca\/wp-content\/uploads\/Fotos-ple-191023-3-600x400.jpeg 600w, https:\/\/www.psib-psoe.org\/mallorca\/wp-content\/uploads\/Fotos-ple-191023-3-300x200.jpeg 300w, https:\/\/www.psib-psoe.org\/mallorca\/wp-content\/uploads\/Fotos-ple-191023-3-900x600.jpeg 900w, https:\/\/www.psib-psoe.org\/mallorca\/wp-content\/uploads\/Fotos-ple-191023-3-20x13.jpeg 20w\" sizes=\"(max-width: 600px) 100vw, 600px\" \/><\/figure>\n\t\t<div class=\"blog-top\">\n\t\t\t<header class=\"post-title entry-header\">\n\t\t\t\t<aside class=\"post-meta cf\">\n\t\t20\/10\/2023 \/ <a href=\"https:\/\/www.psib-psoe.org\/mallorca\/category\/consell-de-mallorca\/\" rel=\"category tag\">Consell de Mallorca<\/a>, <a href=\"https:\/\/www.psib-psoe.org\/mallorca\/category\/federacio-de-mallorca\/\" rel=\"category tag\">Federaci\u00f3 de Mallorca<\/a>, <a href=\"https:\/\/www.psib-psoe.org\/mallorca\/category\/federacio-de-mallorca-portada\/\" rel=\"category tag\">Federaci\u00f3 de Mallorca - Portada<\/a>, <a href=\"https:\/\/www.psib-psoe.org\/mallorca\/category\/municipis\/\" rel=\"category tag\">Municipis<\/a>, <a href=\"https:\/\/www.psib-psoe.org\/mallorca\/category\/portada\/\" rel=\"category tag\">Portada<\/a><\/aside>\n\t\t\t\t<h3 itemprop=\"headline\"><a href=\"https:\/\/www.psib-psoe.org\/mallorca\/liel-consell-de-mallorca-aprova-que-limas-assumeixi-la-gestio-de-les-residencies-municipals-de-gent-gran-a-proposta-del-grup-socialista\/\" title=\"El Consell de Mallorca aprova que l\u2019IMAS assumeixi la gesti\u00f3 de les resid\u00e8ncies municipals de gent gran, a proposta del Grup Socialista\">El Consell de Mallorca aprova que l\u2019IMAS assumeixi la gesti\u00f3 de les resid\u00e8ncies municipals de gent gran, a proposta del Grup Socialista<\/a><\/h3>\n\t\t\t<\/header>\n\t\t<\/div>\n\t\t<div class=\"post-content\">\n\t\t\t<a href=\"https:\/\/www.psib-psoe.org\/mallorca\/liel-consell-de-mallorca-aprova-que-limas-assumeixi-la-gestio-de-les-residencies-municipals-de-gent-gran-a-proposta-del-grup-socialista\/\" class=\"more-link\">Read More<\/a>\n\t\t<\/div>\n\t\t\t<aside class=\"post-bottom-meta hide\">\n\t\t<strong rel=\"author\" itemprop=\"author\" class=\"author vcard\"><span class=\"fn\">Albert<\/span><\/strong>\n\t\t<time class=\"date published time\" datetime=\"2023-10-20T10:23:56+02:00\" itemprop=\"datePublished\" content=\"2023-10-20T10:23:56+02:00\">20\/10\/2023<\/time>\n\t\t<meta itemprop=\"dateModified\" class=\"date updated\" content=\"2024-10-14T11:41:18+02:00\">\n\t\t<span class=\"hide\" itemprop=\"publisher\" itemscope itemtype=\"https:\/\/schema.org\/Organization\">\n\t\t\t<meta itemprop=\"name\" content=\"SocialistesdMca\">\n\t\t\t<span itemprop=\"logo\" itemscope itemtype=\"https:\/\/schema.org\/ImageObject\">\n\t\t\t\t<meta itemprop=\"url\" content=\"https:\/\/www.psib-psoe.org\/mallorca\/wp-content\/themes\/notio-wp\/assets\/img\/logo.png\">\n\t\t\t<\/span>\n\t\t\t<meta itemprop=\"url\" content=\"https:\/\/www.psib-psoe.org\/mallorca\/\">\n\t\t<\/span>\n\t\t\t\t<span class=\"hide\" itemprop=\"image\" itemscope itemtype=\"http:\/\/schema.org\/ImageObject\">\n\t\t\t<meta itemprop=\"url\" content=\"https:\/\/www.psib-psoe.org\/mallorca\/wp-content\/uploads\/Fotos-ple-191023-3.jpeg\">\n\t\t\t<meta itemprop=\"width\" content=\"2048\">\n\t\t\t<meta itemprop=\"height\" content=\"1536\">\n\t\t<\/span>\n\t\t\t\t<meta itemscope itemprop=\"mainEntityOfPage\" itemtype=\"https:\/\/schema.org\/WebPage\" itemid=\"https:\/\/www.psib-psoe.org\/mallorca\/liel-consell-de-mallorca-aprova-que-limas-assumeixi-la-gestio-de-les-residencies-municipals-de-gent-gran-a-proposta-del-grup-socialista\/\">\n\t<\/aside>\n\t\t<\/article>\n<\/div>\n<div class=\"small-12 large-4 columns\">\n\t<article itemscope itemtype=\"http:\/\/schema.org\/Article\" class=\"post blog-style7 alt post-27975 type-post status-publish format-standard has-post-thumbnail hentry category-consell-de-mallorca category-federacio-de-mallorca category-federacio-de-mallorca-portada category-portada tag-catalina-cladera tag-consell-de-mallorca tag-imas tag-psib-psoe\" role=\"article\">\n\t\t<figure class=\"post-gallery\"><img loading=\"lazy\" decoding=\"async\" width=\"600\" height=\"400\" src=\"https:\/\/www.psib-psoe.org\/mallorca\/wp-content\/uploads\/Fotos-ple-191023-4-600x400.jpeg\" class=\"attachment-notio-general-x2 size-notio-general-x2 wp-post-image\" alt=\"\" srcset=\"https:\/\/www.psib-psoe.org\/mallorca\/wp-content\/uploads\/Fotos-ple-191023-4-600x400.jpeg 600w, https:\/\/www.psib-psoe.org\/mallorca\/wp-content\/uploads\/Fotos-ple-191023-4-300x200.jpeg 300w, https:\/\/www.psib-psoe.org\/mallorca\/wp-content\/uploads\/Fotos-ple-191023-4-20x13.jpeg 20w, https:\/\/www.psib-psoe.org\/mallorca\/wp-content\/uploads\/Fotos-ple-191023-4-900x600.jpeg 900w\" sizes=\"(max-width: 600px) 100vw, 600px\" \/><\/figure>\n\t\t<div class=\"blog-top\">\n\t\t\t<header class=\"post-title entry-header\">\n\t\t\t\t<aside class=\"post-meta cf\">\n\t\t19\/10\/2023 \/ <a href=\"https:\/\/www.psib-psoe.org\/mallorca\/category\/consell-de-mallorca\/\" rel=\"category tag\">Consell de Mallorca<\/a>, <a href=\"https:\/\/www.psib-psoe.org\/mallorca\/category\/federacio-de-mallorca\/\" rel=\"category tag\">Federaci\u00f3 de Mallorca<\/a>, <a href=\"https:\/\/www.psib-psoe.org\/mallorca\/category\/federacio-de-mallorca-portada\/\" rel=\"category tag\">Federaci\u00f3 de Mallorca - Portada<\/a>, <a href=\"https:\/\/www.psib-psoe.org\/mallorca\/category\/portada\/\" rel=\"category tag\">Portada<\/a><\/aside>\n\t\t\t\t<h3 itemprop=\"headline\"><a href=\"https:\/\/www.psib-psoe.org\/mallorca\/limas-deixa-perdre-43-me-de-fons-europeus-ja-concedits-per-financar-dos-centres-de-primera-acollida-de-menors\/\" title=\"L\u2019IMAS deixa perdre 4,3 M\u20ac de fons europeus ja concedits per finan\u00e7ar dos centres de primera acollida de menors.\">L\u2019IMAS deixa perdre 4,3 M\u20ac de fons europeus ja concedits per finan\u00e7ar dos centres de primera acollida de menors.<\/a><\/h3>\n\t\t\t<\/header>\n\t\t<\/div>\n\t\t<div class=\"post-content\">\n\t\t\t<a href=\"https:\/\/www.psib-psoe.org\/mallorca\/limas-deixa-perdre-43-me-de-fons-europeus-ja-concedits-per-financar-dos-centres-de-primera-acollida-de-menors\/\" class=\"more-link\">Read More<\/a>\n\t\t<\/div>\n\t\t\t<aside class=\"post-bottom-meta hide\">\n\t\t<strong rel=\"author\" itemprop=\"author\" class=\"author vcard\"><span class=\"fn\">Albert<\/span><\/strong>\n\t\t<time class=\"date published time\" datetime=\"2023-10-19T12:50:48+02:00\" itemprop=\"datePublished\" content=\"2023-10-19T12:50:48+02:00\">19\/10\/2023<\/time>\n\t\t<meta itemprop=\"dateModified\" class=\"date updated\" content=\"2024-10-14T11:41:18+02:00\">\n\t\t<span class=\"hide\" itemprop=\"publisher\" itemscope itemtype=\"https:\/\/schema.org\/Organization\">\n\t\t\t<meta itemprop=\"name\" content=\"SocialistesdMca\">\n\t\t\t<span itemprop=\"logo\" itemscope itemtype=\"https:\/\/schema.org\/ImageObject\">\n\t\t\t\t<meta itemprop=\"url\" content=\"https:\/\/www.psib-psoe.org\/mallorca\/wp-content\/themes\/notio-wp\/assets\/img\/logo.png\">\n\t\t\t<\/span>\n\t\t\t<meta itemprop=\"url\" content=\"https:\/\/www.psib-psoe.org\/mallorca\/\">\n\t\t<\/span>\n\t\t\t\t<span class=\"hide\" itemprop=\"image\" itemscope itemtype=\"http:\/\/schema.org\/ImageObject\">\n\t\t\t<meta itemprop=\"url\" content=\"https:\/\/www.psib-psoe.org\/mallorca\/wp-content\/uploads\/Fotos-ple-191023-4.jpeg\">\n\t\t\t<meta itemprop=\"width\" content=\"1107\">\n\t\t\t<meta itemprop=\"height\" content=\"706\">\n\t\t<\/span>\n\t\t\t\t<meta itemscope itemprop=\"mainEntityOfPage\" itemtype=\"https:\/\/schema.org\/WebPage\" itemid=\"https:\/\/www.psib-psoe.org\/mallorca\/limas-deixa-perdre-43-me-de-fons-europeus-ja-concedits-per-financar-dos-centres-de-primera-acollida-de-menors\/\">\n\t<\/aside>\n\t\t<\/article>\n<\/div>\n<div class=\"small-12 large-4 columns\">\n\t<article itemscope itemtype=\"http:\/\/schema.org\/Article\" class=\"post blog-style7 alt post-27964 type-post status-publish format-standard has-post-thumbnail hentry category-consell-de-mallorca category-federacio-de-mallorca category-federacio-de-mallorca-portada category-portada tag-catalina-cladera tag-consell-de-mallorca tag-grup-socialista\" role=\"article\">\n\t\t<figure class=\"post-gallery\"><img loading=\"lazy\" decoding=\"async\" width=\"600\" height=\"400\" src=\"https:\/\/www.psib-psoe.org\/mallorca\/wp-content\/uploads\/100-dies-Consell-111023-600x400.jpg\" class=\"attachment-notio-general-x2 size-notio-general-x2 wp-post-image\" alt=\"\" srcset=\"https:\/\/www.psib-psoe.org\/mallorca\/wp-content\/uploads\/100-dies-Consell-111023-600x400.jpg 600w, https:\/\/www.psib-psoe.org\/mallorca\/wp-content\/uploads\/100-dies-Consell-111023-300x200.jpg 300w, https:\/\/www.psib-psoe.org\/mallorca\/wp-content\/uploads\/100-dies-Consell-111023-900x600.jpg 900w, https:\/\/www.psib-psoe.org\/mallorca\/wp-content\/uploads\/100-dies-Consell-111023-20x13.jpg 20w\" sizes=\"(max-width: 600px) 100vw, 600px\" \/><\/figure>\n\t\t<div class=\"blog-top\">\n\t\t\t<header class=\"post-title entry-header\">\n\t\t\t\t<aside class=\"post-meta cf\">\n\t\t11\/10\/2023 \/ <a href=\"https:\/\/www.psib-psoe.org\/mallorca\/category\/consell-de-mallorca\/\" rel=\"category tag\">Consell de Mallorca<\/a>, <a href=\"https:\/\/www.psib-psoe.org\/mallorca\/category\/federacio-de-mallorca\/\" rel=\"category tag\">Federaci\u00f3 de Mallorca<\/a>, <a href=\"https:\/\/www.psib-psoe.org\/mallorca\/category\/federacio-de-mallorca-portada\/\" rel=\"category tag\">Federaci\u00f3 de Mallorca - Portada<\/a>, <a href=\"https:\/\/www.psib-psoe.org\/mallorca\/category\/portada\/\" rel=\"category tag\">Portada<\/a><\/aside>\n\t\t\t\t<h3 itemprop=\"headline\"><a href=\"https:\/\/www.psib-psoe.org\/mallorca\/cladera-100-dies-de-govern-al-consell-han-bastat-per-veure-que-el-sr-galmes-no-pinta-res\/\" title=\"Cladera: \u201c100 dies de govern al Consell han bastat per veure que el sr. Galm\u00e9s no pinta res&#8221;\">Cladera: \u201c100 dies de govern al Consell han bastat per veure que el sr. Galm\u00e9s no pinta res&#8221;<\/a><\/h3>\n\t\t\t<\/header>\n\t\t<\/div>\n\t\t<div class=\"post-content\">\n\t\t\t<a href=\"https:\/\/www.psib-psoe.org\/mallorca\/cladera-100-dies-de-govern-al-consell-han-bastat-per-veure-que-el-sr-galmes-no-pinta-res\/\" class=\"more-link\">Read More<\/a>\n\t\t<\/div>\n\t\t\t<aside class=\"post-bottom-meta hide\">\n\t\t<strong rel=\"author\" itemprop=\"author\" class=\"author vcard\"><span class=\"fn\">Albert<\/span><\/strong>\n\t\t<time class=\"date published time\" datetime=\"2023-10-11T13:21:25+02:00\" itemprop=\"datePublished\" content=\"2023-10-11T13:21:25+02:00\">11\/10\/2023<\/time>\n\t\t<meta itemprop=\"dateModified\" class=\"date updated\" content=\"2024-10-14T11:41:19+02:00\">\n\t\t<span class=\"hide\" itemprop=\"publisher\" itemscope itemtype=\"https:\/\/schema.org\/Organization\">\n\t\t\t<meta itemprop=\"name\" content=\"SocialistesdMca\">\n\t\t\t<span itemprop=\"logo\" itemscope itemtype=\"https:\/\/schema.org\/ImageObject\">\n\t\t\t\t<meta itemprop=\"url\" content=\"https:\/\/www.psib-psoe.org\/mallorca\/wp-content\/themes\/notio-wp\/assets\/img\/logo.png\">\n\t\t\t<\/span>\n\t\t\t<meta itemprop=\"url\" content=\"https:\/\/www.psib-psoe.org\/mallorca\/\">\n\t\t<\/span>\n\t\t\t\t<span class=\"hide\" itemprop=\"image\" itemscope itemtype=\"http:\/\/schema.org\/ImageObject\">\n\t\t\t<meta itemprop=\"url\" content=\"https:\/\/www.psib-psoe.org\/mallorca\/wp-content\/uploads\/100-dies-Consell-111023.jpg\">\n\t\t\t<meta itemprop=\"width\" content=\"1600\">\n\t\t\t<meta itemprop=\"height\" content=\"1200\">\n\t\t<\/span>\n\t\t\t\t<meta itemscope itemprop=\"mainEntityOfPage\" itemtype=\"https:\/\/schema.org\/WebPage\" itemid=\"https:\/\/www.psib-psoe.org\/mallorca\/cladera-100-dies-de-govern-al-consell-han-bastat-per-veure-que-el-sr-galmes-no-pinta-res\/\">\n\t<\/aside>\n\t\t<\/article>\n<\/div>\n<div class=\"small-12 large-4 columns\">\n\t<article itemscope itemtype=\"http:\/\/schema.org\/Article\" class=\"post blog-style7 alt post-27959 type-post status-publish format-standard has-post-thumbnail hentry category-consell-de-mallorca category-federacio-de-mallorca category-federacio-de-mallorca-portada category-municipis category-portada tag-ajuntament-de-palma tag-catalina-cladera tag-consell-de-mallorca tag-mercedes-garrido tag-parlament tag-psib-psoe tag-rosario-sanchez\" role=\"article\">\n\t\t<figure class=\"post-gallery\"><img loading=\"lazy\" decoding=\"async\" width=\"600\" height=\"400\" src=\"https:\/\/www.psib-psoe.org\/mallorca\/wp-content\/uploads\/Habitatge-4-600x400.jpeg\" class=\"attachment-notio-general-x2 size-notio-general-x2 wp-post-image\" alt=\"\" srcset=\"https:\/\/www.psib-psoe.org\/mallorca\/wp-content\/uploads\/Habitatge-4-600x400.jpeg 600w, https:\/\/www.psib-psoe.org\/mallorca\/wp-content\/uploads\/Habitatge-4-300x200.jpeg 300w, https:\/\/www.psib-psoe.org\/mallorca\/wp-content\/uploads\/Habitatge-4-900x600.jpeg 900w, https:\/\/www.psib-psoe.org\/mallorca\/wp-content\/uploads\/Habitatge-4-20x13.jpeg 20w\" sizes=\"(max-width: 600px) 100vw, 600px\" \/><\/figure>\n\t\t<div class=\"blog-top\">\n\t\t\t<header class=\"post-title entry-header\">\n\t\t\t\t<aside class=\"post-meta cf\">\n\t\t10\/10\/2023 \/ <a href=\"https:\/\/www.psib-psoe.org\/mallorca\/category\/consell-de-mallorca\/\" rel=\"category tag\">Consell de Mallorca<\/a>, <a href=\"https:\/\/www.psib-psoe.org\/mallorca\/category\/federacio-de-mallorca\/\" rel=\"category tag\">Federaci\u00f3 de Mallorca<\/a>, <a href=\"https:\/\/www.psib-psoe.org\/mallorca\/category\/federacio-de-mallorca-portada\/\" rel=\"category tag\">Federaci\u00f3 de Mallorca - Portada<\/a>, <a href=\"https:\/\/www.psib-psoe.org\/mallorca\/category\/municipis\/\" rel=\"category tag\">Municipis<\/a>, <a href=\"https:\/\/www.psib-psoe.org\/mallorca\/category\/portada\/\" rel=\"category tag\">Portada<\/a><\/aside>\n\t\t\t\t<h3 itemprop=\"headline\"><a href=\"https:\/\/www.psib-psoe.org\/mallorca\/els-socialistes-de-mallorca-presentaran-mocions-per-suspendre-laplicacio-del-decret-dhabitatge-del-govern-i-permetre-que-ajuntaments-i-consells-coneguin-la-norma\/\" title=\"Els socialistes de Mallorca presentaran mocions per suspendre l\u2019aplicaci\u00f3 del Decret d\u2019Habitatge del Govern i permetre que ajuntaments i consells coneguin la norma\">Els socialistes de Mallorca presentaran mocions per suspendre l\u2019aplicaci\u00f3 del Decret d\u2019Habitatge del Govern i permetre que ajuntaments i consells coneguin la norma<\/a><\/h3>\n\t\t\t<\/header>\n\t\t<\/div>\n\t\t<div class=\"post-content\">\n\t\t\t<a href=\"https:\/\/www.psib-psoe.org\/mallorca\/els-socialistes-de-mallorca-presentaran-mocions-per-suspendre-laplicacio-del-decret-dhabitatge-del-govern-i-permetre-que-ajuntaments-i-consells-coneguin-la-norma\/\" class=\"more-link\">Read More<\/a>\n\t\t<\/div>\n\t\t\t<aside class=\"post-bottom-meta hide\">\n\t\t<strong rel=\"author\" itemprop=\"author\" class=\"author vcard\"><span class=\"fn\">Albert<\/span><\/strong>\n\t\t<time class=\"date published time\" datetime=\"2023-10-10T19:49:17+02:00\" itemprop=\"datePublished\" content=\"2023-10-10T19:49:17+02:00\">10\/10\/2023<\/time>\n\t\t<meta itemprop=\"dateModified\" class=\"date updated\" content=\"2024-10-14T11:41:19+02:00\">\n\t\t<span class=\"hide\" itemprop=\"publisher\" itemscope itemtype=\"https:\/\/schema.org\/Organization\">\n\t\t\t<meta itemprop=\"name\" content=\"SocialistesdMca\">\n\t\t\t<span itemprop=\"logo\" itemscope itemtype=\"https:\/\/schema.org\/ImageObject\">\n\t\t\t\t<meta itemprop=\"url\" content=\"https:\/\/www.psib-psoe.org\/mallorca\/wp-content\/themes\/notio-wp\/assets\/img\/logo.png\">\n\t\t\t<\/span>\n\t\t\t<meta itemprop=\"url\" content=\"https:\/\/www.psib-psoe.org\/mallorca\/\">\n\t\t<\/span>\n\t\t\t\t<span class=\"hide\" itemprop=\"image\" itemscope itemtype=\"http:\/\/schema.org\/ImageObject\">\n\t\t\t<meta itemprop=\"url\" content=\"https:\/\/www.psib-psoe.org\/mallorca\/wp-content\/uploads\/Habitatge-4.jpeg\">\n\t\t\t<meta itemprop=\"width\" content=\"2048\">\n\t\t\t<meta itemprop=\"height\" content=\"1602\">\n\t\t<\/span>\n\t\t\t\t<meta itemscope itemprop=\"mainEntityOfPage\" itemtype=\"https:\/\/schema.org\/WebPage\" itemid=\"https:\/\/www.psib-psoe.org\/mallorca\/els-socialistes-de-mallorca-presentaran-mocions-per-suspendre-laplicacio-del-decret-dhabitatge-del-govern-i-permetre-que-ajuntaments-i-consells-coneguin-la-norma\/\">\n\t<\/aside>\n\t\t<\/article>\n<\/div>\n<div class=\"small-12 large-4 columns\">\n\t<article itemscope itemtype=\"http:\/\/schema.org\/Article\" class=\"post blog-style7 alt post-27949 type-post status-publish format-standard has-post-thumbnail hentry category-consell-de-mallorca category-federacio-de-mallorca category-federacio-de-mallorca-portada category-municipis category-portada tag-agrupacio-socialista-marratxi tag-antonia-sastre tag-catalina-cladera tag-federacio-socialista-de-mallorca tag-socialistes-de-mallorca\" role=\"article\">\n\t\t<figure class=\"post-gallery\"><img loading=\"lazy\" decoding=\"async\" width=\"600\" height=\"400\" src=\"https:\/\/www.psib-psoe.org\/mallorca\/wp-content\/uploads\/Foto-4-600x400.jpeg\" class=\"attachment-notio-general-x2 size-notio-general-x2 wp-post-image\" alt=\"\" srcset=\"https:\/\/www.psib-psoe.org\/mallorca\/wp-content\/uploads\/Foto-4-600x400.jpeg 600w, https:\/\/www.psib-psoe.org\/mallorca\/wp-content\/uploads\/Foto-4-300x200.jpeg 300w, https:\/\/www.psib-psoe.org\/mallorca\/wp-content\/uploads\/Foto-4-768x512.jpeg 768w, https:\/\/www.psib-psoe.org\/mallorca\/wp-content\/uploads\/Foto-4-1024x682.jpeg 1024w, https:\/\/www.psib-psoe.org\/mallorca\/wp-content\/uploads\/Foto-4-150x100.jpeg 150w, https:\/\/www.psib-psoe.org\/mallorca\/wp-content\/uploads\/Foto-4-900x600.jpeg 900w, https:\/\/www.psib-psoe.org\/mallorca\/wp-content\/uploads\/Foto-4-20x13.jpeg 20w, https:\/\/www.psib-psoe.org\/mallorca\/wp-content\/uploads\/Foto-4.jpeg 1600w\" sizes=\"(max-width: 600px) 100vw, 600px\" \/><\/figure>\n\t\t<div class=\"blog-top\">\n\t\t\t<header class=\"post-title entry-header\">\n\t\t\t\t<aside class=\"post-meta cf\">\n\t\t05\/10\/2023 \/ <a href=\"https:\/\/www.psib-psoe.org\/mallorca\/category\/consell-de-mallorca\/\" rel=\"category tag\">Consell de Mallorca<\/a>, <a href=\"https:\/\/www.psib-psoe.org\/mallorca\/category\/federacio-de-mallorca\/\" rel=\"category tag\">Federaci\u00f3 de Mallorca<\/a>, <a href=\"https:\/\/www.psib-psoe.org\/mallorca\/category\/federacio-de-mallorca-portada\/\" rel=\"category tag\">Federaci\u00f3 de Mallorca - Portada<\/a>, <a href=\"https:\/\/www.psib-psoe.org\/mallorca\/category\/municipis\/\" rel=\"category tag\">Municipis<\/a>, <a href=\"https:\/\/www.psib-psoe.org\/mallorca\/category\/portada\/\" rel=\"category tag\">Portada<\/a><\/aside>\n\t\t\t\t<h3 itemprop=\"headline\"><a href=\"https:\/\/www.psib-psoe.org\/mallorca\/els-socialistes-de-mallorca-insten-al-consell-a-denunciar-la-invasio-de-competencies-que-suposa-el-decret-llei-del-goib-sobre-habitatge\/\" title=\"Els Socialistes de Mallorca insten al Consell a denunciar la invasi\u00f3 de compet\u00e8ncies que suposa el Decret llei del GOIB sobre Habitatge.\">Els Socialistes de Mallorca insten al Consell a denunciar la invasi\u00f3 de compet\u00e8ncies que suposa el Decret llei del GOIB sobre Habitatge.<\/a><\/h3>\n\t\t\t<\/header>\n\t\t<\/div>\n\t\t<div class=\"post-content\">\n\t\t\t<a href=\"https:\/\/www.psib-psoe.org\/mallorca\/els-socialistes-de-mallorca-insten-al-consell-a-denunciar-la-invasio-de-competencies-que-suposa-el-decret-llei-del-goib-sobre-habitatge\/\" class=\"more-link\">Read More<\/a>\n\t\t<\/div>\n\t\t\t<aside class=\"post-bottom-meta hide\">\n\t\t<strong rel=\"author\" itemprop=\"author\" class=\"author vcard\"><span class=\"fn\">Albert<\/span><\/strong>\n\t\t<time class=\"date published time\" datetime=\"2023-10-05T18:56:53+02:00\" itemprop=\"datePublished\" content=\"2023-10-05T18:56:53+02:00\">05\/10\/2023<\/time>\n\t\t<meta itemprop=\"dateModified\" class=\"date updated\" content=\"2024-10-14T11:41:19+02:00\">\n\t\t<span class=\"hide\" itemprop=\"publisher\" itemscope itemtype=\"https:\/\/schema.org\/Organization\">\n\t\t\t<meta itemprop=\"name\" content=\"SocialistesdMca\">\n\t\t\t<span itemprop=\"logo\" itemscope itemtype=\"https:\/\/schema.org\/ImageObject\">\n\t\t\t\t<meta itemprop=\"url\" content=\"https:\/\/www.psib-psoe.org\/mallorca\/wp-content\/themes\/notio-wp\/assets\/img\/logo.png\">\n\t\t\t<\/span>\n\t\t\t<meta itemprop=\"url\" content=\"https:\/\/www.psib-psoe.org\/mallorca\/\">\n\t\t<\/span>\n\t\t\t\t<span class=\"hide\" itemprop=\"image\" itemscope itemtype=\"http:\/\/schema.org\/ImageObject\">\n\t\t\t<meta itemprop=\"url\" content=\"https:\/\/www.psib-psoe.org\/mallorca\/wp-content\/uploads\/Foto-4.jpeg\">\n\t\t\t<meta itemprop=\"width\" content=\"1600\">\n\t\t\t<meta itemprop=\"height\" content=\"1066\">\n\t\t<\/span>\n\t\t\t\t<meta itemscope itemprop=\"mainEntityOfPage\" itemtype=\"https:\/\/schema.org\/WebPage\" itemid=\"https:\/\/www.psib-psoe.org\/mallorca\/els-socialistes-de-mallorca-insten-al-consell-a-denunciar-la-invasio-de-competencies-que-suposa-el-decret-llei-del-goib-sobre-habitatge\/\">\n\t<\/aside>\n\t\t<\/article>\n<\/div>\n<div class=\"small-12 large-4 columns\">\n\t<article itemscope itemtype=\"http:\/\/schema.org\/Article\" class=\"post blog-style7 alt post-27946 type-post status-publish format-standard has-post-thumbnail hentry category-consell-de-mallorca category-federacio-de-mallorca category-federacio-de-mallorca-portada category-municipis category-portada tag-agrupacio-socialista-marratxi tag-catalina-cladera tag-consell-de-mallorca tag-imas tag-miquel-cabot tag-sector-audiovisual\" role=\"article\">\n\t\t<figure class=\"post-gallery\"><img loading=\"lazy\" decoding=\"async\" width=\"600\" height=\"400\" src=\"https:\/\/www.psib-psoe.org\/mallorca\/wp-content\/uploads\/Sector-audiovisual-Marratx\u00ed-2-600x400.jpeg\" class=\"attachment-notio-general-x2 size-notio-general-x2 wp-post-image\" alt=\"\" srcset=\"https:\/\/www.psib-psoe.org\/mallorca\/wp-content\/uploads\/Sector-audiovisual-Marratx\u00ed-2-600x400.jpeg 600w, https:\/\/www.psib-psoe.org\/mallorca\/wp-content\/uploads\/Sector-audiovisual-Marratx\u00ed-2-300x200.jpeg 300w, https:\/\/www.psib-psoe.org\/mallorca\/wp-content\/uploads\/Sector-audiovisual-Marratx\u00ed-2-900x600.jpeg 900w, https:\/\/www.psib-psoe.org\/mallorca\/wp-content\/uploads\/Sector-audiovisual-Marratx\u00ed-2-20x13.jpeg 20w\" sizes=\"(max-width: 600px) 100vw, 600px\" \/><\/figure>\n\t\t<div class=\"blog-top\">\n\t\t\t<header class=\"post-title entry-header\">\n\t\t\t\t<aside class=\"post-meta cf\">\n\t\t05\/10\/2023 \/ <a href=\"https:\/\/www.psib-psoe.org\/mallorca\/category\/consell-de-mallorca\/\" rel=\"category tag\">Consell de Mallorca<\/a>, <a href=\"https:\/\/www.psib-psoe.org\/mallorca\/category\/federacio-de-mallorca\/\" rel=\"category tag\">Federaci\u00f3 de Mallorca<\/a>, <a href=\"https:\/\/www.psib-psoe.org\/mallorca\/category\/federacio-de-mallorca-portada\/\" rel=\"category tag\">Federaci\u00f3 de Mallorca - Portada<\/a>, <a href=\"https:\/\/www.psib-psoe.org\/mallorca\/category\/municipis\/\" rel=\"category tag\">Municipis<\/a>, <a href=\"https:\/\/www.psib-psoe.org\/mallorca\/category\/portada\/\" rel=\"category tag\">Portada<\/a><\/aside>\n\t\t\t\t<h3 itemprop=\"headline\"><a href=\"https:\/\/www.psib-psoe.org\/mallorca\/els-socialistes-de-mallorca-reclamen-al-consell-que-no-es-deixi-perdre-el-projecte-del-plato-audiovisual-mallorca-green-film-studios-a-marratxi\/\" title=\"Els Socialistes de Mallorca reclamen al Consell que no es deixi perdre el projecte del plat\u00f3 audiovisual Mallorca Green Film Studios a Marratx\u00ed\">Els Socialistes de Mallorca reclamen al Consell que no es deixi perdre el projecte del plat\u00f3 audiovisual Mallorca Green Film Studios a Marratx\u00ed<\/a><\/h3>\n\t\t\t<\/header>\n\t\t<\/div>\n\t\t<div class=\"post-content\">\n\t\t\t<a href=\"https:\/\/www.psib-psoe.org\/mallorca\/els-socialistes-de-mallorca-reclamen-al-consell-que-no-es-deixi-perdre-el-projecte-del-plato-audiovisual-mallorca-green-film-studios-a-marratxi\/\" class=\"more-link\">Read More<\/a>\n\t\t<\/div>\n\t\t\t<aside class=\"post-bottom-meta hide\">\n\t\t<strong rel=\"author\" itemprop=\"author\" class=\"author vcard\"><span class=\"fn\">Albert<\/span><\/strong>\n\t\t<time class=\"date published time\" datetime=\"2023-10-05T13:26:19+02:00\" itemprop=\"datePublished\" content=\"2023-10-05T13:26:19+02:00\">05\/10\/2023<\/time>\n\t\t<meta itemprop=\"dateModified\" class=\"date updated\" content=\"2024-10-14T11:41:19+02:00\">\n\t\t<span class=\"hide\" itemprop=\"publisher\" itemscope itemtype=\"https:\/\/schema.org\/Organization\">\n\t\t\t<meta itemprop=\"name\" content=\"SocialistesdMca\">\n\t\t\t<span itemprop=\"logo\" itemscope itemtype=\"https:\/\/schema.org\/ImageObject\">\n\t\t\t\t<meta itemprop=\"url\" content=\"https:\/\/www.psib-psoe.org\/mallorca\/wp-content\/themes\/notio-wp\/assets\/img\/logo.png\">\n\t\t\t<\/span>\n\t\t\t<meta itemprop=\"url\" content=\"https:\/\/www.psib-psoe.org\/mallorca\/\">\n\t\t<\/span>\n\t\t\t\t<span class=\"hide\" itemprop=\"image\" itemscope itemtype=\"http:\/\/schema.org\/ImageObject\">\n\t\t\t<meta itemprop=\"url\" content=\"https:\/\/www.psib-psoe.org\/mallorca\/wp-content\/uploads\/Sector-audiovisual-Marratx\u00ed-2.jpeg\">\n\t\t\t<meta itemprop=\"width\" content=\"4032\">\n\t\t\t<meta itemprop=\"height\" content=\"3024\">\n\t\t<\/span>\n\t\t\t\t<meta itemscope itemprop=\"mainEntityOfPage\" itemtype=\"https:\/\/schema.org\/WebPage\" itemid=\"https:\/\/www.psib-psoe.org\/mallorca\/els-socialistes-de-mallorca-reclamen-al-consell-que-no-es-deixi-perdre-el-projecte-del-plato-audiovisual-mallorca-green-film-studios-a-marratxi\/\">\n\t<\/aside>\n\t\t<\/article>\n<\/div>\n<div class=\"small-12 large-4 columns\">\n\t<article itemscope itemtype=\"http:\/\/schema.org\/Article\" class=\"post blog-style7 alt post-27936 type-post status-publish format-standard has-post-thumbnail hentry category-federacio-de-mallorca category-municipis category-portada tag-catalina-cladera tag-federacio-socialista-de-mallorca tag-mallorca tag-mariangeles-fernandez tag-psib-psoe\" role=\"article\">\n\t\t<figure class=\"post-gallery\"><img loading=\"lazy\" decoding=\"async\" width=\"600\" height=\"400\" src=\"https:\/\/www.psib-psoe.org\/mallorca\/wp-content\/uploads\/041023-Grup-de-Conversa-Toni-Gelabert-600x400.jpg\" class=\"attachment-notio-general-x2 size-notio-general-x2 wp-post-image\" alt=\"\" srcset=\"https:\/\/www.psib-psoe.org\/mallorca\/wp-content\/uploads\/041023-Grup-de-Conversa-Toni-Gelabert-600x400.jpg 600w, https:\/\/www.psib-psoe.org\/mallorca\/wp-content\/uploads\/041023-Grup-de-Conversa-Toni-Gelabert-300x200.jpg 300w, https:\/\/www.psib-psoe.org\/mallorca\/wp-content\/uploads\/041023-Grup-de-Conversa-Toni-Gelabert-900x600.jpg 900w, https:\/\/www.psib-psoe.org\/mallorca\/wp-content\/uploads\/041023-Grup-de-Conversa-Toni-Gelabert-20x13.jpg 20w\" sizes=\"(max-width: 600px) 100vw, 600px\" \/><\/figure>\n\t\t<div class=\"blog-top\">\n\t\t\t<header class=\"post-title entry-header\">\n\t\t\t\t<aside class=\"post-meta cf\">\n\t\t04\/10\/2023 \/ <a href=\"https:\/\/www.psib-psoe.org\/mallorca\/category\/federacio-de-mallorca\/\" rel=\"category tag\">Federaci\u00f3 de Mallorca<\/a>, <a href=\"https:\/\/www.psib-psoe.org\/mallorca\/category\/municipis\/\" rel=\"category tag\">Municipis<\/a>, <a href=\"https:\/\/www.psib-psoe.org\/mallorca\/category\/portada\/\" rel=\"category tag\">Portada<\/a><\/aside>\n\t\t\t\t<h3 itemprop=\"headline\"><a href=\"https:\/\/www.psib-psoe.org\/mallorca\/la-federacio-socialista-de-mallorca-constitueix-el-grup-de-conversa-toni-gelabert-coramet\/\" title=\"La Federaci\u00f3 Socialista de Mallorca constitueix el Grup de Conversa Toni Gelabert \u2018Coramet\u2019\">La Federaci\u00f3 Socialista de Mallorca constitueix el Grup de Conversa Toni Gelabert \u2018Coramet\u2019<\/a><\/h3>\n\t\t\t<\/header>\n\t\t<\/div>\n\t\t<div class=\"post-content\">\n\t\t\t<a href=\"https:\/\/www.psib-psoe.org\/mallorca\/la-federacio-socialista-de-mallorca-constitueix-el-grup-de-conversa-toni-gelabert-coramet\/\" class=\"more-link\">Read More<\/a>\n\t\t<\/div>\n\t\t\t<aside class=\"post-bottom-meta hide\">\n\t\t<strong rel=\"author\" itemprop=\"author\" class=\"author vcard\"><span class=\"fn\">Socialistes de Mallorca<\/span><\/strong>\n\t\t<time class=\"date published time\" datetime=\"2023-10-04T15:30:48+02:00\" itemprop=\"datePublished\" content=\"2023-10-04T15:30:48+02:00\">04\/10\/2023<\/time>\n\t\t<meta itemprop=\"dateModified\" class=\"date updated\" content=\"2024-10-14T11:41:19+02:00\">\n\t\t<span class=\"hide\" itemprop=\"publisher\" itemscope itemtype=\"https:\/\/schema.org\/Organization\">\n\t\t\t<meta itemprop=\"name\" content=\"SocialistesdMca\">\n\t\t\t<span itemprop=\"logo\" itemscope itemtype=\"https:\/\/schema.org\/ImageObject\">\n\t\t\t\t<meta itemprop=\"url\" content=\"https:\/\/www.psib-psoe.org\/mallorca\/wp-content\/themes\/notio-wp\/assets\/img\/logo.png\">\n\t\t\t<\/span>\n\t\t\t<meta itemprop=\"url\" content=\"https:\/\/www.psib-psoe.org\/mallorca\/\">\n\t\t<\/span>\n\t\t\t\t<span class=\"hide\" itemprop=\"image\" itemscope itemtype=\"http:\/\/schema.org\/ImageObject\">\n\t\t\t<meta itemprop=\"url\" content=\"https:\/\/www.psib-psoe.org\/mallorca\/wp-content\/uploads\/041023-Grup-de-Conversa-Toni-Gelabert.jpg\">\n\t\t\t<meta itemprop=\"width\" content=\"3902\">\n\t\t\t<meta itemprop=\"height\" content=\"1994\">\n\t\t<\/span>\n\t\t\t\t<meta itemscope itemprop=\"mainEntityOfPage\" itemtype=\"https:\/\/schema.org\/WebPage\" itemid=\"https:\/\/www.psib-psoe.org\/mallorca\/la-federacio-socialista-de-mallorca-constitueix-el-grup-de-conversa-toni-gelabert-coramet\/\">\n\t<\/aside>\n\t\t<\/article>\n<\/div>\n<div class=\"small-12 large-4 columns\">\n\t<article itemscope itemtype=\"http:\/\/schema.org\/Article\" class=\"post blog-style7 alt post-27930 type-post status-publish format-standard has-post-thumbnail hentry category-federacio-de-mallorca category-federacio-de-mallorca-portada category-municipis category-portada tag-catalina-cladera tag-psib-psoe tag-sofia-alonso\" role=\"article\">\n\t\t<figure class=\"post-gallery\"><img loading=\"lazy\" decoding=\"async\" width=\"600\" height=\"400\" src=\"https:\/\/www.psib-psoe.org\/mallorca\/wp-content\/uploads\/020923-Comissio\u0301-Sectorial-Drets-Socials-Igualtat-600x400.jpg\" class=\"attachment-notio-general-x2 size-notio-general-x2 wp-post-image\" alt=\"\" srcset=\"https:\/\/www.psib-psoe.org\/mallorca\/wp-content\/uploads\/020923-Comissio\u0301-Sectorial-Drets-Socials-Igualtat-600x400.jpg 600w, https:\/\/www.psib-psoe.org\/mallorca\/wp-content\/uploads\/020923-Comissio\u0301-Sectorial-Drets-Socials-Igualtat-300x200.jpg 300w, https:\/\/www.psib-psoe.org\/mallorca\/wp-content\/uploads\/020923-Comissio\u0301-Sectorial-Drets-Socials-Igualtat-900x600.jpg 900w, https:\/\/www.psib-psoe.org\/mallorca\/wp-content\/uploads\/020923-Comissio\u0301-Sectorial-Drets-Socials-Igualtat-20x13.jpg 20w\" sizes=\"(max-width: 600px) 100vw, 600px\" \/><\/figure>\n\t\t<div class=\"blog-top\">\n\t\t\t<header class=\"post-title entry-header\">\n\t\t\t\t<aside class=\"post-meta cf\">\n\t\t02\/10\/2023 \/ <a href=\"https:\/\/www.psib-psoe.org\/mallorca\/category\/federacio-de-mallorca\/\" rel=\"category tag\">Federaci\u00f3 de Mallorca<\/a>, <a href=\"https:\/\/www.psib-psoe.org\/mallorca\/category\/federacio-de-mallorca-portada\/\" rel=\"category tag\">Federaci\u00f3 de Mallorca - Portada<\/a>, <a href=\"https:\/\/www.psib-psoe.org\/mallorca\/category\/municipis\/\" rel=\"category tag\">Municipis<\/a>, <a href=\"https:\/\/www.psib-psoe.org\/mallorca\/category\/portada\/\" rel=\"category tag\">Portada<\/a><\/aside>\n\t\t\t\t<h3 itemprop=\"headline\"><a href=\"https:\/\/www.psib-psoe.org\/mallorca\/els-socialistes-de-mallorca-constitueixen-la-comissio-sectorial-de-drets-socials-i-igualtat\/\" title=\"Els socialistes de Mallorca constitueixen la comissi\u00f3 sectorial de Drets Socials i Igualtat\">Els socialistes de Mallorca constitueixen la comissi\u00f3 sectorial de Drets Socials i Igualtat<\/a><\/h3>\n\t\t\t<\/header>\n\t\t<\/div>\n\t\t<div class=\"post-content\">\n\t\t\t<a href=\"https:\/\/www.psib-psoe.org\/mallorca\/els-socialistes-de-mallorca-constitueixen-la-comissio-sectorial-de-drets-socials-i-igualtat\/\" class=\"more-link\">Read More<\/a>\n\t\t<\/div>\n\t\t\t<aside class=\"post-bottom-meta hide\">\n\t\t<strong rel=\"author\" itemprop=\"author\" class=\"author vcard\"><span class=\"fn\">Socialistes de Mallorca<\/span><\/strong>\n\t\t<time class=\"date published time\" datetime=\"2023-10-02T18:35:43+02:00\" itemprop=\"datePublished\" content=\"2023-10-02T18:35:43+02:00\">02\/10\/2023<\/time>\n\t\t<meta itemprop=\"dateModified\" class=\"date updated\" content=\"2024-10-14T11:41:19+02:00\">\n\t\t<span class=\"hide\" itemprop=\"publisher\" itemscope itemtype=\"https:\/\/schema.org\/Organization\">\n\t\t\t<meta itemprop=\"name\" content=\"SocialistesdMca\">\n\t\t\t<span itemprop=\"logo\" itemscope itemtype=\"https:\/\/schema.org\/ImageObject\">\n\t\t\t\t<meta itemprop=\"url\" content=\"https:\/\/www.psib-psoe.org\/mallorca\/wp-content\/themes\/notio-wp\/assets\/img\/logo.png\">\n\t\t\t<\/span>\n\t\t\t<meta itemprop=\"url\" content=\"https:\/\/www.psib-psoe.org\/mallorca\/\">\n\t\t<\/span>\n\t\t\t\t<span class=\"hide\" itemprop=\"image\" itemscope itemtype=\"http:\/\/schema.org\/ImageObject\">\n\t\t\t<meta itemprop=\"url\" content=\"https:\/\/www.psib-psoe.org\/mallorca\/wp-content\/uploads\/020923-Comissio\u0301-Sectorial-Drets-Socials-Igualtat.jpg\">\n\t\t\t<meta itemprop=\"width\" content=\"4032\">\n\t\t\t<meta itemprop=\"height\" content=\"3024\">\n\t\t<\/span>\n\t\t\t\t<meta itemscope itemprop=\"mainEntityOfPage\" itemtype=\"https:\/\/schema.org\/WebPage\" itemid=\"https:\/\/www.psib-psoe.org\/mallorca\/els-socialistes-de-mallorca-constitueixen-la-comissio-sectorial-de-drets-socials-i-igualtat\/\">\n\t<\/aside>\n\t\t<\/article>\n<\/div>\n<div class=\"small-12 large-4 columns\">\n\t<article itemscope itemtype=\"http:\/\/schema.org\/Article\" class=\"post blog-style7 alt post-27917 type-post status-publish format-standard has-post-thumbnail hentry category-consell-de-mallorca category-federacio-de-mallorca category-federacio-de-mallorca-portada category-municipis category-portada tag-catalina-cladera tag-jaume-j-oliver tag-jaume-oliver tag-llucmajor tag-psib-psoe\" role=\"article\">\n\t\t<figure class=\"post-gallery\"><img loading=\"lazy\" decoding=\"async\" width=\"600\" height=\"400\" src=\"https:\/\/www.psib-psoe.org\/mallorca\/wp-content\/uploads\/WhatsApp-Image-2023-09-28-at-11.51.00-600x400.jpeg\" class=\"attachment-notio-general-x2 size-notio-general-x2 wp-post-image\" alt=\"\" srcset=\"https:\/\/www.psib-psoe.org\/mallorca\/wp-content\/uploads\/WhatsApp-Image-2023-09-28-at-11.51.00-600x400.jpeg 600w, https:\/\/www.psib-psoe.org\/mallorca\/wp-content\/uploads\/WhatsApp-Image-2023-09-28-at-11.51.00-300x200.jpeg 300w, https:\/\/www.psib-psoe.org\/mallorca\/wp-content\/uploads\/WhatsApp-Image-2023-09-28-at-11.51.00-900x600.jpeg 900w, https:\/\/www.psib-psoe.org\/mallorca\/wp-content\/uploads\/WhatsApp-Image-2023-09-28-at-11.51.00-20x13.jpeg 20w\" sizes=\"(max-width: 600px) 100vw, 600px\" \/><\/figure>\n\t\t<div class=\"blog-top\">\n\t\t\t<header class=\"post-title entry-header\">\n\t\t\t\t<aside class=\"post-meta cf\">\n\t\t28\/09\/2023 \/ <a href=\"https:\/\/www.psib-psoe.org\/mallorca\/category\/consell-de-mallorca\/\" rel=\"category tag\">Consell de Mallorca<\/a>, <a href=\"https:\/\/www.psib-psoe.org\/mallorca\/category\/federacio-de-mallorca\/\" rel=\"category tag\">Federaci\u00f3 de Mallorca<\/a>, <a href=\"https:\/\/www.psib-psoe.org\/mallorca\/category\/federacio-de-mallorca-portada\/\" rel=\"category tag\">Federaci\u00f3 de Mallorca - Portada<\/a>, <a href=\"https:\/\/www.psib-psoe.org\/mallorca\/category\/municipis\/\" rel=\"category tag\">Municipis<\/a>, <a href=\"https:\/\/www.psib-psoe.org\/mallorca\/category\/portada\/\" rel=\"category tag\">Portada<\/a><\/aside>\n\t\t\t\t<h3 itemprop=\"headline\"><a href=\"https:\/\/www.psib-psoe.org\/mallorca\/el-consell-de-mallorca-no-pot-perdre-loportunitat-unica-de-convertir-la-central-dalcanada-en-un-centre-punter-deconomia-verda-i-blava\/\" title=\"El Consell de Mallorca no pot perdre l\u2019oportunitat \u00fanica de convertir la central d\u2019Alcanada en un centre punter d\u2019economia verda i blava.\">El Consell de Mallorca no pot perdre l\u2019oportunitat \u00fanica de convertir la central d\u2019Alcanada en un centre punter d\u2019economia verda i blava.<\/a><\/h3>\n\t\t\t<\/header>\n\t\t<\/div>\n\t\t<div class=\"post-content\">\n\t\t\t<a href=\"https:\/\/www.psib-psoe.org\/mallorca\/el-consell-de-mallorca-no-pot-perdre-loportunitat-unica-de-convertir-la-central-dalcanada-en-un-centre-punter-deconomia-verda-i-blava\/\" class=\"more-link\">Read More<\/a>\n\t\t<\/div>\n\t\t\t<aside class=\"post-bottom-meta hide\">\n\t\t<strong rel=\"author\" itemprop=\"author\" class=\"author vcard\"><span class=\"fn\">Albert<\/span><\/strong>\n\t\t<time class=\"date published time\" datetime=\"2023-09-28T12:15:13+02:00\" itemprop=\"datePublished\" content=\"2023-09-28T12:15:13+02:00\">28\/09\/2023<\/time>\n\t\t<meta itemprop=\"dateModified\" class=\"date updated\" content=\"2024-10-14T11:41:19+02:00\">\n\t\t<span class=\"hide\" itemprop=\"publisher\" itemscope itemtype=\"https:\/\/schema.org\/Organization\">\n\t\t\t<meta itemprop=\"name\" content=\"SocialistesdMca\">\n\t\t\t<span itemprop=\"logo\" itemscope itemtype=\"https:\/\/schema.org\/ImageObject\">\n\t\t\t\t<meta itemprop=\"url\" content=\"https:\/\/www.psib-psoe.org\/mallorca\/wp-content\/themes\/notio-wp\/assets\/img\/logo.png\">\n\t\t\t<\/span>\n\t\t\t<meta itemprop=\"url\" content=\"https:\/\/www.psib-psoe.org\/mallorca\/\">\n\t\t<\/span>\n\t\t\t\t<span class=\"hide\" itemprop=\"image\" itemscope itemtype=\"http:\/\/schema.org\/ImageObject\">\n\t\t\t<meta itemprop=\"url\" content=\"https:\/\/www.psib-psoe.org\/mallorca\/wp-content\/uploads\/WhatsApp-Image-2023-09-28-at-11.51.00.jpeg\">\n\t\t\t<meta itemprop=\"width\" content=\"1600\">\n\t\t\t<meta itemprop=\"height\" content=\"902\">\n\t\t<\/span>\n\t\t\t\t<meta itemscope itemprop=\"mainEntityOfPage\" itemtype=\"https:\/\/schema.org\/WebPage\" itemid=\"https:\/\/www.psib-psoe.org\/mallorca\/el-consell-de-mallorca-no-pot-perdre-loportunitat-unica-de-convertir-la-central-dalcanada-en-un-centre-punter-deconomia-verda-i-blava\/\">\n\t<\/aside>\n\t\t<\/article>\n<\/div>\n<div class=\"small-12 large-4 columns\">\n\t<article itemscope itemtype=\"http:\/\/schema.org\/Article\" class=\"post blog-style7 alt post-27914 type-post status-publish format-standard has-post-thumbnail hentry category-consell-de-mallorca category-federacio-de-mallorca category-federacio-de-mallorca-portada category-municipis category-portada tag-catalina-cladera tag-jaume-j-oliver tag-jaume-oliver tag-llucmajor tag-psib-psoe\" role=\"article\">\n\t\t<figure class=\"post-gallery\"><img loading=\"lazy\" decoding=\"async\" width=\"600\" height=\"400\" src=\"https:\/\/www.psib-psoe.org\/mallorca\/wp-content\/uploads\/270923-Socialistes-de-Mallorca-i-Llucmajor-600x400.jpg\" class=\"attachment-notio-general-x2 size-notio-general-x2 wp-post-image\" alt=\"\" srcset=\"https:\/\/www.psib-psoe.org\/mallorca\/wp-content\/uploads\/270923-Socialistes-de-Mallorca-i-Llucmajor-600x400.jpg 600w, https:\/\/www.psib-psoe.org\/mallorca\/wp-content\/uploads\/270923-Socialistes-de-Mallorca-i-Llucmajor-300x200.jpg 300w, https:\/\/www.psib-psoe.org\/mallorca\/wp-content\/uploads\/270923-Socialistes-de-Mallorca-i-Llucmajor-900x600.jpg 900w, https:\/\/www.psib-psoe.org\/mallorca\/wp-content\/uploads\/270923-Socialistes-de-Mallorca-i-Llucmajor-20x13.jpg 20w\" sizes=\"(max-width: 600px) 100vw, 600px\" \/><\/figure>\n\t\t<div class=\"blog-top\">\n\t\t\t<header class=\"post-title entry-header\">\n\t\t\t\t<aside class=\"post-meta cf\">\n\t\t27\/09\/2023 \/ <a href=\"https:\/\/www.psib-psoe.org\/mallorca\/category\/consell-de-mallorca\/\" rel=\"category tag\">Consell de Mallorca<\/a>, <a href=\"https:\/\/www.psib-psoe.org\/mallorca\/category\/federacio-de-mallorca\/\" rel=\"category tag\">Federaci\u00f3 de Mallorca<\/a>, <a href=\"https:\/\/www.psib-psoe.org\/mallorca\/category\/federacio-de-mallorca-portada\/\" rel=\"category tag\">Federaci\u00f3 de Mallorca - Portada<\/a>, <a href=\"https:\/\/www.psib-psoe.org\/mallorca\/category\/municipis\/\" rel=\"category tag\">Municipis<\/a>, <a href=\"https:\/\/www.psib-psoe.org\/mallorca\/category\/portada\/\" rel=\"category tag\">Portada<\/a><\/aside>\n\t\t\t\t<h3 itemprop=\"headline\"><a href=\"https:\/\/www.psib-psoe.org\/mallorca\/el-psib-psoe-denuncia-la-demora-de-lajuntament-de-llucmajor-en-els-projectes-de-la-nova-residencia-per-a-persones-dependents-i-el-centre-de-dia-de-badia-gran\/\" title=\"El PSIB-PSOE denuncia la demora de l\u2019Ajuntament de Llucmajor en els projectes de la nova Resid\u00e8ncia per a persones dependents i el centre de dia de Badia Gran\">El PSIB-PSOE denuncia la demora de l\u2019Ajuntament de Llucmajor en els projectes de la nova Resid\u00e8ncia per a persones dependents i el centre de dia de Badia Gran<\/a><\/h3>\n\t\t\t<\/header>\n\t\t<\/div>\n\t\t<div class=\"post-content\">\n\t\t\t<a href=\"https:\/\/www.psib-psoe.org\/mallorca\/el-psib-psoe-denuncia-la-demora-de-lajuntament-de-llucmajor-en-els-projectes-de-la-nova-residencia-per-a-persones-dependents-i-el-centre-de-dia-de-badia-gran\/\" class=\"more-link\">Read More<\/a>\n\t\t<\/div>\n\t\t\t<aside class=\"post-bottom-meta hide\">\n\t\t<strong rel=\"author\" itemprop=\"author\" class=\"author vcard\"><span class=\"fn\">Socialistes de Mallorca<\/span><\/strong>\n\t\t<time class=\"date published time\" datetime=\"2023-09-27T18:30:24+02:00\" itemprop=\"datePublished\" content=\"2023-09-27T18:30:24+02:00\">27\/09\/2023<\/time>\n\t\t<meta itemprop=\"dateModified\" class=\"date updated\" content=\"2024-10-14T11:41:19+02:00\">\n\t\t<span class=\"hide\" itemprop=\"publisher\" itemscope itemtype=\"https:\/\/schema.org\/Organization\">\n\t\t\t<meta itemprop=\"name\" content=\"SocialistesdMca\">\n\t\t\t<span itemprop=\"logo\" itemscope itemtype=\"https:\/\/schema.org\/ImageObject\">\n\t\t\t\t<meta itemprop=\"url\" content=\"https:\/\/www.psib-psoe.org\/mallorca\/wp-content\/themes\/notio-wp\/assets\/img\/logo.png\">\n\t\t\t<\/span>\n\t\t\t<meta itemprop=\"url\" content=\"https:\/\/www.psib-psoe.org\/mallorca\/\">\n\t\t<\/span>\n\t\t\t\t<span class=\"hide\" itemprop=\"image\" itemscope itemtype=\"http:\/\/schema.org\/ImageObject\">\n\t\t\t<meta itemprop=\"url\" content=\"https:\/\/www.psib-psoe.org\/mallorca\/wp-content\/uploads\/270923-Socialistes-de-Mallorca-i-Llucmajor.jpg\">\n\t\t\t<meta itemprop=\"width\" content=\"4032\">\n\t\t\t<meta itemprop=\"height\" content=\"3024\">\n\t\t<\/span>\n\t\t\t\t<meta itemscope itemprop=\"mainEntityOfPage\" itemtype=\"https:\/\/schema.org\/WebPage\" itemid=\"https:\/\/www.psib-psoe.org\/mallorca\/el-psib-psoe-denuncia-la-demora-de-lajuntament-de-llucmajor-en-els-projectes-de-la-nova-residencia-per-a-persones-dependents-i-el-centre-de-dia-de-badia-gran\/\">\n\t<\/aside>\n\t\t<\/article>\n<\/div>\n<div class=\"small-12 large-4 columns\">\n\t<article itemscope itemtype=\"http:\/\/schema.org\/Article\" class=\"post blog-style7 alt post-27909 type-post status-publish format-standard has-post-thumbnail hentry category-consell-de-mallorca category-federacio-de-mallorca category-federacio-de-mallorca-portada category-portada tag-catalina-cladera tag-javier-de-juan tag-mallorca tag-palma tag-psib-psoe tag-sa-feixina\" role=\"article\">\n\t\t<figure class=\"post-gallery\"><img loading=\"lazy\" decoding=\"async\" width=\"600\" height=\"400\" src=\"https:\/\/www.psib-psoe.org\/mallorca\/wp-content\/uploads\/De-Juan-rdp-130923-1-600x400.jpeg\" class=\"attachment-notio-general-x2 size-notio-general-x2 wp-post-image\" alt=\"\" srcset=\"https:\/\/www.psib-psoe.org\/mallorca\/wp-content\/uploads\/De-Juan-rdp-130923-1-600x400.jpeg 600w, https:\/\/www.psib-psoe.org\/mallorca\/wp-content\/uploads\/De-Juan-rdp-130923-1-300x200.jpeg 300w, https:\/\/www.psib-psoe.org\/mallorca\/wp-content\/uploads\/De-Juan-rdp-130923-1-900x600.jpeg 900w, https:\/\/www.psib-psoe.org\/mallorca\/wp-content\/uploads\/De-Juan-rdp-130923-1-20x13.jpeg 20w\" sizes=\"(max-width: 600px) 100vw, 600px\" \/><\/figure>\n\t\t<div class=\"blog-top\">\n\t\t\t<header class=\"post-title entry-header\">\n\t\t\t\t<aside class=\"post-meta cf\">\n\t\t26\/09\/2023 \/ <a href=\"https:\/\/www.psib-psoe.org\/mallorca\/category\/consell-de-mallorca\/\" rel=\"category tag\">Consell de Mallorca<\/a>, <a href=\"https:\/\/www.psib-psoe.org\/mallorca\/category\/federacio-de-mallorca\/\" rel=\"category tag\">Federaci\u00f3 de Mallorca<\/a>, <a href=\"https:\/\/www.psib-psoe.org\/mallorca\/category\/federacio-de-mallorca-portada\/\" rel=\"category tag\">Federaci\u00f3 de Mallorca - Portada<\/a>, <a href=\"https:\/\/www.psib-psoe.org\/mallorca\/category\/portada\/\" rel=\"category tag\">Portada<\/a><\/aside>\n\t\t\t\t<h3 itemprop=\"headline\"><a href=\"https:\/\/www.psib-psoe.org\/mallorca\/els-socialistes-de-mallorca-soposen-a-la-proteccio-de-sa-feixina-a-la-comissio-de-patrimoni-del-consell\/\" title=\"Els socialistes de Mallorca s\u2019oposen a la protecci\u00f3 de Sa Feixina a la Comissi\u00f3 de Patrimoni del Consell.\">Els socialistes de Mallorca s\u2019oposen a la protecci\u00f3 de Sa Feixina a la Comissi\u00f3 de Patrimoni del Consell.<\/a><\/h3>\n\t\t\t<\/header>\n\t\t<\/div>\n\t\t<div class=\"post-content\">\n\t\t\t<a href=\"https:\/\/www.psib-psoe.org\/mallorca\/els-socialistes-de-mallorca-soposen-a-la-proteccio-de-sa-feixina-a-la-comissio-de-patrimoni-del-consell\/\" class=\"more-link\">Read More<\/a>\n\t\t<\/div>\n\t\t\t<aside class=\"post-bottom-meta hide\">\n\t\t<strong rel=\"author\" itemprop=\"author\" class=\"author vcard\"><span class=\"fn\">Albert<\/span><\/strong>\n\t\t<time class=\"date published time\" datetime=\"2023-09-26T14:06:12+02:00\" itemprop=\"datePublished\" content=\"2023-09-26T14:06:12+02:00\">26\/09\/2023<\/time>\n\t\t<meta itemprop=\"dateModified\" class=\"date updated\" content=\"2024-10-14T11:41:20+02:00\">\n\t\t<span class=\"hide\" itemprop=\"publisher\" itemscope itemtype=\"https:\/\/schema.org\/Organization\">\n\t\t\t<meta itemprop=\"name\" content=\"SocialistesdMca\">\n\t\t\t<span itemprop=\"logo\" itemscope itemtype=\"https:\/\/schema.org\/ImageObject\">\n\t\t\t\t<meta itemprop=\"url\" content=\"https:\/\/www.psib-psoe.org\/mallorca\/wp-content\/themes\/notio-wp\/assets\/img\/logo.png\">\n\t\t\t<\/span>\n\t\t\t<meta itemprop=\"url\" content=\"https:\/\/www.psib-psoe.org\/mallorca\/\">\n\t\t<\/span>\n\t\t\t\t<span class=\"hide\" itemprop=\"image\" itemscope itemtype=\"http:\/\/schema.org\/ImageObject\">\n\t\t\t<meta itemprop=\"url\" content=\"https:\/\/www.psib-psoe.org\/mallorca\/wp-content\/uploads\/De-Juan-rdp-130923-1.jpeg\">\n\t\t\t<meta itemprop=\"width\" content=\"2000\">\n\t\t\t<meta itemprop=\"height\" content=\"1128\">\n\t\t<\/span>\n\t\t\t\t<meta itemscope itemprop=\"mainEntityOfPage\" itemtype=\"https:\/\/schema.org\/WebPage\" itemid=\"https:\/\/www.psib-psoe.org\/mallorca\/els-socialistes-de-mallorca-soposen-a-la-proteccio-de-sa-feixina-a-la-comissio-de-patrimoni-del-consell\/\">\n\t<\/aside>\n\t\t<\/article>\n<\/div>\n<div class=\"small-12 large-4 columns\">\n\t<article itemscope itemtype=\"http:\/\/schema.org\/Article\" class=\"post blog-style7 alt post-27904 type-post status-publish format-standard has-post-thumbnail hentry category-consell-de-mallorca category-federacio-de-mallorca category-federacio-de-mallorca-portada category-municipis category-portada tag-catalina-cladera tag-mallorca tag-psib-psoe\" role=\"article\">\n\t\t<figure class=\"post-gallery\"><img loading=\"lazy\" decoding=\"async\" width=\"600\" height=\"400\" src=\"https:\/\/www.psib-psoe.org\/mallorca\/wp-content\/uploads\/250923_Regidors-Socialistes-600x400.jpeg\" class=\"attachment-notio-general-x2 size-notio-general-x2 wp-post-image\" alt=\"\" srcset=\"https:\/\/www.psib-psoe.org\/mallorca\/wp-content\/uploads\/250923_Regidors-Socialistes-600x400.jpeg 600w, https:\/\/www.psib-psoe.org\/mallorca\/wp-content\/uploads\/250923_Regidors-Socialistes-300x200.jpeg 300w, https:\/\/www.psib-psoe.org\/mallorca\/wp-content\/uploads\/250923_Regidors-Socialistes-900x600.jpeg 900w, https:\/\/www.psib-psoe.org\/mallorca\/wp-content\/uploads\/250923_Regidors-Socialistes-20x13.jpeg 20w\" sizes=\"(max-width: 600px) 100vw, 600px\" \/><\/figure>\n\t\t<div class=\"blog-top\">\n\t\t\t<header class=\"post-title entry-header\">\n\t\t\t\t<aside class=\"post-meta cf\">\n\t\t25\/09\/2023 \/ <a href=\"https:\/\/www.psib-psoe.org\/mallorca\/category\/consell-de-mallorca\/\" rel=\"category tag\">Consell de Mallorca<\/a>, <a href=\"https:\/\/www.psib-psoe.org\/mallorca\/category\/federacio-de-mallorca\/\" rel=\"category tag\">Federaci\u00f3 de Mallorca<\/a>, <a href=\"https:\/\/www.psib-psoe.org\/mallorca\/category\/federacio-de-mallorca-portada\/\" rel=\"category tag\">Federaci\u00f3 de Mallorca - Portada<\/a>, <a href=\"https:\/\/www.psib-psoe.org\/mallorca\/category\/municipis\/\" rel=\"category tag\">Municipis<\/a>, <a href=\"https:\/\/www.psib-psoe.org\/mallorca\/category\/portada\/\" rel=\"category tag\">Portada<\/a><\/aside>\n\t\t\t\t<h3 itemprop=\"headline\"><a href=\"https:\/\/www.psib-psoe.org\/mallorca\/els-batles-regidors-i-consellers-socialistes-de-mallorca-suneixen-en-favor-del-consens-social-en-materia-de-llengua-i-cultura-propies\/\" title=\"Els batles, regidors i consellers socialistes de Mallorca s\u2019uneixen en favor del consens social en mat\u00e8ria de llengua i cultura pr\u00f2pies\">Els batles, regidors i consellers socialistes de Mallorca s\u2019uneixen en favor del consens social en mat\u00e8ria de llengua i cultura pr\u00f2pies<\/a><\/h3>\n\t\t\t<\/header>\n\t\t<\/div>\n\t\t<div class=\"post-content\">\n\t\t\t<a href=\"https:\/\/www.psib-psoe.org\/mallorca\/els-batles-regidors-i-consellers-socialistes-de-mallorca-suneixen-en-favor-del-consens-social-en-materia-de-llengua-i-cultura-propies\/\" class=\"more-link\">Read More<\/a>\n\t\t<\/div>\n\t\t\t<aside class=\"post-bottom-meta hide\">\n\t\t<strong rel=\"author\" itemprop=\"author\" class=\"author vcard\"><span class=\"fn\">Albert<\/span><\/strong>\n\t\t<time class=\"date published time\" datetime=\"2023-09-25T18:47:42+02:00\" itemprop=\"datePublished\" content=\"2023-09-25T18:47:42+02:00\">25\/09\/2023<\/time>\n\t\t<meta itemprop=\"dateModified\" class=\"date updated\" content=\"2023-09-25T18:50:31+02:00\">\n\t\t<span class=\"hide\" itemprop=\"publisher\" itemscope itemtype=\"https:\/\/schema.org\/Organization\">\n\t\t\t<meta itemprop=\"name\" content=\"SocialistesdMca\">\n\t\t\t<span itemprop=\"logo\" itemscope itemtype=\"https:\/\/schema.org\/ImageObject\">\n\t\t\t\t<meta itemprop=\"url\" content=\"https:\/\/www.psib-psoe.org\/mallorca\/wp-content\/themes\/notio-wp\/assets\/img\/logo.png\">\n\t\t\t<\/span>\n\t\t\t<meta itemprop=\"url\" content=\"https:\/\/www.psib-psoe.org\/mallorca\/\">\n\t\t<\/span>\n\t\t\t\t<span class=\"hide\" itemprop=\"image\" itemscope itemtype=\"http:\/\/schema.org\/ImageObject\">\n\t\t\t<meta itemprop=\"url\" content=\"https:\/\/www.psib-psoe.org\/mallorca\/wp-content\/uploads\/250923_Regidors-Socialistes.jpeg\">\n\t\t\t<meta itemprop=\"width\" content=\"4032\">\n\t\t\t<meta itemprop=\"height\" content=\"3024\">\n\t\t<\/span>\n\t\t\t\t<meta itemscope itemprop=\"mainEntityOfPage\" itemtype=\"https:\/\/schema.org\/WebPage\" itemid=\"https:\/\/www.psib-psoe.org\/mallorca\/els-batles-regidors-i-consellers-socialistes-de-mallorca-suneixen-en-favor-del-consens-social-en-materia-de-llengua-i-cultura-propies\/\">\n\t<\/aside>\n\t\t<\/article>\n<\/div>\n<div class=\"small-12 large-4 columns\">\n\t<article itemscope itemtype=\"http:\/\/schema.org\/Article\" class=\"post blog-style7 alt post-27879 type-post status-publish format-standard has-post-thumbnail hentry category-consell-de-mallorca category-federacio-de-mallorca category-federacio-de-mallorca-portada category-portada tag-catalina-cladera tag-consell-de-mallorca tag-federacio-socialista-de-mallorca tag-psib-psoe tag-socialistes-de-mallorca\" role=\"article\">\n\t\t<figure class=\"post-gallery\"><img loading=\"lazy\" decoding=\"async\" width=\"600\" height=\"400\" src=\"https:\/\/www.psib-psoe.org\/mallorca\/wp-content\/uploads\/290623-Catalina-Cladera-600x400.jpg\" class=\"attachment-notio-general-x2 size-notio-general-x2 wp-post-image\" alt=\"\" srcset=\"https:\/\/www.psib-psoe.org\/mallorca\/wp-content\/uploads\/290623-Catalina-Cladera-600x400.jpg 600w, https:\/\/www.psib-psoe.org\/mallorca\/wp-content\/uploads\/290623-Catalina-Cladera-300x200.jpg 300w, https:\/\/www.psib-psoe.org\/mallorca\/wp-content\/uploads\/290623-Catalina-Cladera-900x600.jpg 900w, https:\/\/www.psib-psoe.org\/mallorca\/wp-content\/uploads\/290623-Catalina-Cladera-20x13.jpg 20w\" sizes=\"(max-width: 600px) 100vw, 600px\" \/><\/figure>\n\t\t<div class=\"blog-top\">\n\t\t\t<header class=\"post-title entry-header\">\n\t\t\t\t<aside class=\"post-meta cf\">\n\t\t18\/09\/2023 \/ <a href=\"https:\/\/www.psib-psoe.org\/mallorca\/category\/consell-de-mallorca\/\" rel=\"category tag\">Consell de Mallorca<\/a>, <a href=\"https:\/\/www.psib-psoe.org\/mallorca\/category\/federacio-de-mallorca\/\" rel=\"category tag\">Federaci\u00f3 de Mallorca<\/a>, <a href=\"https:\/\/www.psib-psoe.org\/mallorca\/category\/federacio-de-mallorca-portada\/\" rel=\"category tag\">Federaci\u00f3 de Mallorca - Portada<\/a>, <a href=\"https:\/\/www.psib-psoe.org\/mallorca\/category\/portada\/\" rel=\"category tag\">Portada<\/a><\/aside>\n\t\t\t\t<h3 itemprop=\"headline\"><a href=\"https:\/\/www.psib-psoe.org\/mallorca\/cladera-exigim-un-major-compromis-de-govern-i-consell-en-la-lluita-contra-lallotjament-turistic-illegal\/\" title=\"Cladera: &#8220;Exigim un major comprom\u00eds de Govern i Consell en la lluita contra l&#8217;allotjament tur\u00edstic il\u00b7legal&#8221;.\">Cladera: &#8220;Exigim un major comprom\u00eds de Govern i Consell en la lluita contra l&#8217;allotjament tur\u00edstic il\u00b7legal&#8221;.<\/a><\/h3>\n\t\t\t<\/header>\n\t\t<\/div>\n\t\t<div class=\"post-content\">\n\t\t\t<a href=\"https:\/\/www.psib-psoe.org\/mallorca\/cladera-exigim-un-major-compromis-de-govern-i-consell-en-la-lluita-contra-lallotjament-turistic-illegal\/\" class=\"more-link\">Read More<\/a>\n\t\t<\/div>\n\t\t\t<aside class=\"post-bottom-meta hide\">\n\t\t<strong rel=\"author\" itemprop=\"author\" class=\"author vcard\"><span class=\"fn\">Albert<\/span><\/strong>\n\t\t<time class=\"date published time\" datetime=\"2023-09-18T17:24:38+02:00\" itemprop=\"datePublished\" content=\"2023-09-18T17:24:38+02:00\">18\/09\/2023<\/time>\n\t\t<meta itemprop=\"dateModified\" class=\"date updated\" content=\"2023-09-18T17:24:38+02:00\">\n\t\t<span class=\"hide\" itemprop=\"publisher\" itemscope itemtype=\"https:\/\/schema.org\/Organization\">\n\t\t\t<meta itemprop=\"name\" content=\"SocialistesdMca\">\n\t\t\t<span itemprop=\"logo\" itemscope itemtype=\"https:\/\/schema.org\/ImageObject\">\n\t\t\t\t<meta itemprop=\"url\" content=\"https:\/\/www.psib-psoe.org\/mallorca\/wp-content\/themes\/notio-wp\/assets\/img\/logo.png\">\n\t\t\t<\/span>\n\t\t\t<meta itemprop=\"url\" content=\"https:\/\/www.psib-psoe.org\/mallorca\/\">\n\t\t<\/span>\n\t\t\t\t<span class=\"hide\" itemprop=\"image\" itemscope itemtype=\"http:\/\/schema.org\/ImageObject\">\n\t\t\t<meta itemprop=\"url\" content=\"https:\/\/www.psib-psoe.org\/mallorca\/wp-content\/uploads\/290623-Catalina-Cladera.jpg\">\n\t\t\t<meta itemprop=\"width\" content=\"3520\">\n\t\t\t<meta itemprop=\"height\" content=\"1980\">\n\t\t<\/span>\n\t\t\t\t<meta itemscope itemprop=\"mainEntityOfPage\" itemtype=\"https:\/\/schema.org\/WebPage\" itemid=\"https:\/\/www.psib-psoe.org\/mallorca\/cladera-exigim-un-major-compromis-de-govern-i-consell-en-la-lluita-contra-lallotjament-turistic-illegal\/\">\n\t<\/aside>\n\t\t<\/article>\n<\/div>\n<div class=\"small-12 large-4 columns\">\n\t<article itemscope itemtype=\"http:\/\/schema.org\/Article\" class=\"post blog-style7 alt post-27872 type-post status-publish format-standard has-post-thumbnail hentry category-consell-de-mallorca category-federacio-de-mallorca category-federacio-de-mallorca-portada category-portada tag-catalina-cladera tag-consell-de-mallorca tag-federacio-socialista-de-mallorca tag-psib-psoe tag-socialistes-de-mallorca\" role=\"article\">\n\t\t<figure class=\"post-gallery\"><img loading=\"lazy\" decoding=\"async\" width=\"600\" height=\"400\" src=\"https:\/\/www.psib-psoe.org\/mallorca\/wp-content\/uploads\/Cladera-Ple-140923-2-600x400.jpeg\" class=\"attachment-notio-general-x2 size-notio-general-x2 wp-post-image\" alt=\"\" srcset=\"https:\/\/www.psib-psoe.org\/mallorca\/wp-content\/uploads\/Cladera-Ple-140923-2-600x400.jpeg 600w, https:\/\/www.psib-psoe.org\/mallorca\/wp-content\/uploads\/Cladera-Ple-140923-2-300x200.jpeg 300w, https:\/\/www.psib-psoe.org\/mallorca\/wp-content\/uploads\/Cladera-Ple-140923-2-900x600.jpeg 900w, https:\/\/www.psib-psoe.org\/mallorca\/wp-content\/uploads\/Cladera-Ple-140923-2-20x13.jpeg 20w\" sizes=\"(max-width: 600px) 100vw, 600px\" \/><\/figure>\n\t\t<div class=\"blog-top\">\n\t\t\t<header class=\"post-title entry-header\">\n\t\t\t\t<aside class=\"post-meta cf\">\n\t\t14\/09\/2023 \/ <a href=\"https:\/\/www.psib-psoe.org\/mallorca\/category\/consell-de-mallorca\/\" rel=\"category tag\">Consell de Mallorca<\/a>, <a href=\"https:\/\/www.psib-psoe.org\/mallorca\/category\/federacio-de-mallorca\/\" rel=\"category tag\">Federaci\u00f3 de Mallorca<\/a>, <a href=\"https:\/\/www.psib-psoe.org\/mallorca\/category\/federacio-de-mallorca-portada\/\" rel=\"category tag\">Federaci\u00f3 de Mallorca - Portada<\/a>, <a href=\"https:\/\/www.psib-psoe.org\/mallorca\/category\/portada\/\" rel=\"category tag\">Portada<\/a><\/aside>\n\t\t\t\t<h3 itemprop=\"headline\"><a href=\"https:\/\/www.psib-psoe.org\/mallorca\/cladera-davant-labsencia-de-gestio-de-ppvox-al-consell-daquests-dos-mesos-ens-preguntam-si-el-sr-galmes-pinta-alguna-cosa-davant-del-govern\/\" title=\"Cladera: &#8220;davant l&#8217;abs\u00e8ncia de gesti\u00f3 de PPVOX al Consell d&#8217;aquests dos mesos ens preguntam si el sr. Galm\u00e9s &#8216;pinta&#8217; alguna cosa davant del Govern&#8221;\">Cladera: &#8220;davant l&#8217;abs\u00e8ncia de gesti\u00f3 de PPVOX al Consell d&#8217;aquests dos mesos ens preguntam si el sr. Galm\u00e9s &#8216;pinta&#8217; alguna cosa davant del Govern&#8221;<\/a><\/h3>\n\t\t\t<\/header>\n\t\t<\/div>\n\t\t<div class=\"post-content\">\n\t\t\t<a href=\"https:\/\/www.psib-psoe.org\/mallorca\/cladera-davant-labsencia-de-gestio-de-ppvox-al-consell-daquests-dos-mesos-ens-preguntam-si-el-sr-galmes-pinta-alguna-cosa-davant-del-govern\/\" class=\"more-link\">Read More<\/a>\n\t\t<\/div>\n\t\t\t<aside class=\"post-bottom-meta hide\">\n\t\t<strong rel=\"author\" itemprop=\"author\" class=\"author vcard\"><span class=\"fn\">Albert<\/span><\/strong>\n\t\t<time class=\"date published time\" datetime=\"2023-09-14T12:17:29+02:00\" itemprop=\"datePublished\" content=\"2023-09-14T12:17:29+02:00\">14\/09\/2023<\/time>\n\t\t<meta itemprop=\"dateModified\" class=\"date updated\" content=\"2023-09-14T12:17:29+02:00\">\n\t\t<span class=\"hide\" itemprop=\"publisher\" itemscope itemtype=\"https:\/\/schema.org\/Organization\">\n\t\t\t<meta itemprop=\"name\" content=\"SocialistesdMca\">\n\t\t\t<span itemprop=\"logo\" itemscope itemtype=\"https:\/\/schema.org\/ImageObject\">\n\t\t\t\t<meta itemprop=\"url\" content=\"https:\/\/www.psib-psoe.org\/mallorca\/wp-content\/themes\/notio-wp\/assets\/img\/logo.png\">\n\t\t\t<\/span>\n\t\t\t<meta itemprop=\"url\" content=\"https:\/\/www.psib-psoe.org\/mallorca\/\">\n\t\t<\/span>\n\t\t\t\t<span class=\"hide\" itemprop=\"image\" itemscope itemtype=\"http:\/\/schema.org\/ImageObject\">\n\t\t\t<meta itemprop=\"url\" content=\"https:\/\/www.psib-psoe.org\/mallorca\/wp-content\/uploads\/Cladera-Ple-140923-2.jpeg\">\n\t\t\t<meta itemprop=\"width\" content=\"2048\">\n\t\t\t<meta itemprop=\"height\" content=\"1981\">\n\t\t<\/span>\n\t\t\t\t<meta itemscope itemprop=\"mainEntityOfPage\" itemtype=\"https:\/\/schema.org\/WebPage\" itemid=\"https:\/\/www.psib-psoe.org\/mallorca\/cladera-davant-labsencia-de-gestio-de-ppvox-al-consell-daquests-dos-mesos-ens-preguntam-si-el-sr-galmes-pinta-alguna-cosa-davant-del-govern\/\">\n\t<\/aside>\n\t\t<\/article>\n<\/div>\n<div class=\"small-12 large-4 columns\">\n\t<article itemscope itemtype=\"http:\/\/schema.org\/Article\" class=\"post blog-style7 alt post-27858 type-post status-publish format-standard has-post-thumbnail hentry category-consell-de-mallorca category-federacio-de-mallorca category-federacio-de-mallorca-portada category-portada tag-catalina-cladera tag-consell-de-mallorca tag-federacio-socialista-de-mallorca tag-psib-psoe tag-socialistes-de-mallorca\" role=\"article\">\n\t\t<figure class=\"post-gallery\"><img loading=\"lazy\" decoding=\"async\" width=\"600\" height=\"400\" src=\"https:\/\/www.psib-psoe.org\/mallorca\/wp-content\/uploads\/IMG20230913110856-600x400.jpg\" class=\"attachment-notio-general-x2 size-notio-general-x2 wp-post-image\" alt=\"\" srcset=\"https:\/\/www.psib-psoe.org\/mallorca\/wp-content\/uploads\/IMG20230913110856-600x400.jpg 600w, https:\/\/www.psib-psoe.org\/mallorca\/wp-content\/uploads\/IMG20230913110856-300x200.jpg 300w, https:\/\/www.psib-psoe.org\/mallorca\/wp-content\/uploads\/IMG20230913110856-900x600.jpg 900w, https:\/\/www.psib-psoe.org\/mallorca\/wp-content\/uploads\/IMG20230913110856-20x13.jpg 20w\" sizes=\"(max-width: 600px) 100vw, 600px\" \/><\/figure>\n\t\t<div class=\"blog-top\">\n\t\t\t<header class=\"post-title entry-header\">\n\t\t\t\t<aside class=\"post-meta cf\">\n\t\t13\/09\/2023 \/ <a href=\"https:\/\/www.psib-psoe.org\/mallorca\/category\/consell-de-mallorca\/\" rel=\"category tag\">Consell de Mallorca<\/a>, <a href=\"https:\/\/www.psib-psoe.org\/mallorca\/category\/federacio-de-mallorca\/\" rel=\"category tag\">Federaci\u00f3 de Mallorca<\/a>, <a href=\"https:\/\/www.psib-psoe.org\/mallorca\/category\/federacio-de-mallorca-portada\/\" rel=\"category tag\">Federaci\u00f3 de Mallorca - Portada<\/a>, <a href=\"https:\/\/www.psib-psoe.org\/mallorca\/category\/portada\/\" rel=\"category tag\">Portada<\/a><\/aside>\n\t\t\t\t<h3 itemprop=\"headline\"><a href=\"https:\/\/www.psib-psoe.org\/mallorca\/els-socialistes-de-mallorca-demanen-que-el-consell-culmini-la-regulacio-de-les-installacions-denergies-renovables-a-lillalagrupacio-socialista-de-santa-margalida-denuncia-els-fets-ocorreguts-a-la\/\" title=\"Els socialistes de Mallorca demanen que el Consell culmini la zonificaci\u00f3 dels parcs fotovoltaics de Mallorca\">Els socialistes de Mallorca demanen que el Consell culmini la zonificaci\u00f3 dels parcs fotovoltaics de Mallorca<\/a><\/h3>\n\t\t\t<\/header>\n\t\t<\/div>\n\t\t<div class=\"post-content\">\n\t\t\t<a href=\"https:\/\/www.psib-psoe.org\/mallorca\/els-socialistes-de-mallorca-demanen-que-el-consell-culmini-la-regulacio-de-les-installacions-denergies-renovables-a-lillalagrupacio-socialista-de-santa-margalida-denuncia-els-fets-ocorreguts-a-la\/\" class=\"more-link\">Read More<\/a>\n\t\t<\/div>\n\t\t\t<aside class=\"post-bottom-meta hide\">\n\t\t<strong rel=\"author\" itemprop=\"author\" class=\"author vcard\"><span class=\"fn\">Albert<\/span><\/strong>\n\t\t<time class=\"date published time\" datetime=\"2023-09-13T12:22:10+02:00\" itemprop=\"datePublished\" content=\"2023-09-13T12:22:10+02:00\">13\/09\/2023<\/time>\n\t\t<meta itemprop=\"dateModified\" class=\"date updated\" content=\"2023-09-13T13:46:54+02:00\">\n\t\t<span class=\"hide\" itemprop=\"publisher\" itemscope itemtype=\"https:\/\/schema.org\/Organization\">\n\t\t\t<meta itemprop=\"name\" content=\"SocialistesdMca\">\n\t\t\t<span itemprop=\"logo\" itemscope itemtype=\"https:\/\/schema.org\/ImageObject\">\n\t\t\t\t<meta itemprop=\"url\" content=\"https:\/\/www.psib-psoe.org\/mallorca\/wp-content\/themes\/notio-wp\/assets\/img\/logo.png\">\n\t\t\t<\/span>\n\t\t\t<meta itemprop=\"url\" content=\"https:\/\/www.psib-psoe.org\/mallorca\/\">\n\t\t<\/span>\n\t\t\t\t<span class=\"hide\" itemprop=\"image\" itemscope itemtype=\"http:\/\/schema.org\/ImageObject\">\n\t\t\t<meta itemprop=\"url\" content=\"https:\/\/www.psib-psoe.org\/mallorca\/wp-content\/uploads\/IMG20230913110856.jpg\">\n\t\t\t<meta itemprop=\"width\" content=\"4000\">\n\t\t\t<meta itemprop=\"height\" content=\"3000\">\n\t\t<\/span>\n\t\t\t\t<meta itemscope itemprop=\"mainEntityOfPage\" itemtype=\"https:\/\/schema.org\/WebPage\" itemid=\"https:\/\/www.psib-psoe.org\/mallorca\/els-socialistes-de-mallorca-demanen-que-el-consell-culmini-la-regulacio-de-les-installacions-denergies-renovables-a-lillalagrupacio-socialista-de-santa-margalida-denuncia-els-fets-ocorreguts-a-la\/\">\n\t<\/aside>\n\t\t<\/article>\n<\/div>\n<div class=\"small-12 large-4 columns\">\n\t<article itemscope itemtype=\"http:\/\/schema.org\/Article\" class=\"post blog-style7 alt post-27840 type-post status-publish format-standard has-post-thumbnail hentry category-federacio-de-mallorca category-federacio-de-mallorca-portada category-municipis category-portada tag-catalina-cladera tag-federacio-socialista-de-mallorca tag-psib-psoe\" role=\"article\">\n\t\t<figure class=\"post-gallery\"><img loading=\"lazy\" decoding=\"async\" width=\"600\" height=\"400\" src=\"https:\/\/www.psib-psoe.org\/mallorca\/wp-content\/uploads\/060923-Jornada-Regidorses-FSM-1-600x400.jpg\" class=\"attachment-notio-general-x2 size-notio-general-x2 wp-post-image\" alt=\"\" srcset=\"https:\/\/www.psib-psoe.org\/mallorca\/wp-content\/uploads\/060923-Jornada-Regidorses-FSM-1-600x400.jpg 600w, https:\/\/www.psib-psoe.org\/mallorca\/wp-content\/uploads\/060923-Jornada-Regidorses-FSM-1-300x200.jpg 300w, https:\/\/www.psib-psoe.org\/mallorca\/wp-content\/uploads\/060923-Jornada-Regidorses-FSM-1-900x600.jpg 900w, https:\/\/www.psib-psoe.org\/mallorca\/wp-content\/uploads\/060923-Jornada-Regidorses-FSM-1-20x13.jpg 20w\" sizes=\"(max-width: 600px) 100vw, 600px\" \/><\/figure>\n\t\t<div class=\"blog-top\">\n\t\t\t<header class=\"post-title entry-header\">\n\t\t\t\t<aside class=\"post-meta cf\">\n\t\t06\/09\/2023 \/ <a href=\"https:\/\/www.psib-psoe.org\/mallorca\/category\/federacio-de-mallorca\/\" rel=\"category tag\">Federaci\u00f3 de Mallorca<\/a>, <a href=\"https:\/\/www.psib-psoe.org\/mallorca\/category\/federacio-de-mallorca-portada\/\" rel=\"category tag\">Federaci\u00f3 de Mallorca - Portada<\/a>, <a href=\"https:\/\/www.psib-psoe.org\/mallorca\/category\/municipis\/\" rel=\"category tag\">Municipis<\/a>, <a href=\"https:\/\/www.psib-psoe.org\/mallorca\/category\/portada\/\" rel=\"category tag\">Portada<\/a><\/aside>\n\t\t\t\t<h3 itemprop=\"headline\"><a href=\"https:\/\/www.psib-psoe.org\/mallorca\/cladera-la-sentencia-del-tunel-de-soller-no-pot-servir-dexcusa-al-consell-per-tornar-a-imposar-un-peatge-als-usuaris\/\" title=\"Cladera: &#8220;La sent\u00e8ncia del T\u00fanel de S\u00f3ller no pot servir d&#8217;excusa al Consell per tornar a imposar un peatge als usuaris&#8221;\">Cladera: &#8220;La sent\u00e8ncia del T\u00fanel de S\u00f3ller no pot servir d&#8217;excusa al Consell per tornar a imposar un peatge als usuaris&#8221;<\/a><\/h3>\n\t\t\t<\/header>\n\t\t<\/div>\n\t\t<div class=\"post-content\">\n\t\t\t<a href=\"https:\/\/www.psib-psoe.org\/mallorca\/cladera-la-sentencia-del-tunel-de-soller-no-pot-servir-dexcusa-al-consell-per-tornar-a-imposar-un-peatge-als-usuaris\/\" class=\"more-link\">Read More<\/a>\n\t\t<\/div>\n\t\t\t<aside class=\"post-bottom-meta hide\">\n\t\t<strong rel=\"author\" itemprop=\"author\" class=\"author vcard\"><span class=\"fn\">Albert<\/span><\/strong>\n\t\t<time class=\"date published time\" datetime=\"2023-09-06T20:15:13+02:00\" itemprop=\"datePublished\" content=\"2023-09-06T20:15:13+02:00\">06\/09\/2023<\/time>\n\t\t<meta itemprop=\"dateModified\" class=\"date updated\" content=\"2023-09-06T20:15:13+02:00\">\n\t\t<span class=\"hide\" itemprop=\"publisher\" itemscope itemtype=\"https:\/\/schema.org\/Organization\">\n\t\t\t<meta itemprop=\"name\" content=\"SocialistesdMca\">\n\t\t\t<span itemprop=\"logo\" itemscope itemtype=\"https:\/\/schema.org\/ImageObject\">\n\t\t\t\t<meta itemprop=\"url\" content=\"https:\/\/www.psib-psoe.org\/mallorca\/wp-content\/themes\/notio-wp\/assets\/img\/logo.png\">\n\t\t\t<\/span>\n\t\t\t<meta itemprop=\"url\" content=\"https:\/\/www.psib-psoe.org\/mallorca\/\">\n\t\t<\/span>\n\t\t\t\t<span class=\"hide\" itemprop=\"image\" itemscope itemtype=\"http:\/\/schema.org\/ImageObject\">\n\t\t\t<meta itemprop=\"url\" content=\"https:\/\/www.psib-psoe.org\/mallorca\/wp-content\/uploads\/060923-Jornada-Regidorses-FSM-1.jpg\">\n\t\t\t<meta itemprop=\"width\" content=\"4032\">\n\t\t\t<meta itemprop=\"height\" content=\"3024\">\n\t\t<\/span>\n\t\t\t\t<meta itemscope itemprop=\"mainEntityOfPage\" itemtype=\"https:\/\/schema.org\/WebPage\" itemid=\"https:\/\/www.psib-psoe.org\/mallorca\/cladera-la-sentencia-del-tunel-de-soller-no-pot-servir-dexcusa-al-consell-per-tornar-a-imposar-un-peatge-als-usuaris\/\">\n\t<\/aside>\n\t\t<\/article>\n<\/div>\n<div class=\"small-12 large-4 columns\">\n\t<article itemscope itemtype=\"http:\/\/schema.org\/Article\" class=\"post blog-style7 alt post-27836 type-post status-publish format-standard has-post-thumbnail hentry category-federacio-de-mallorca category-federacio-de-mallorca-portada category-municipis category-portada tag-catalina-cladera tag-federacio-socialista-de-mallorca tag-psib-psoe\" role=\"article\">\n\t\t<figure class=\"post-gallery\"><img loading=\"lazy\" decoding=\"async\" width=\"600\" height=\"400\" src=\"https:\/\/www.psib-psoe.org\/mallorca\/wp-content\/uploads\/060923-Jornada-Regidorses-FSM-1-600x400.jpg\" class=\"attachment-notio-general-x2 size-notio-general-x2 wp-post-image\" alt=\"\" srcset=\"https:\/\/www.psib-psoe.org\/mallorca\/wp-content\/uploads\/060923-Jornada-Regidorses-FSM-1-600x400.jpg 600w, https:\/\/www.psib-psoe.org\/mallorca\/wp-content\/uploads\/060923-Jornada-Regidorses-FSM-1-300x200.jpg 300w, https:\/\/www.psib-psoe.org\/mallorca\/wp-content\/uploads\/060923-Jornada-Regidorses-FSM-1-900x600.jpg 900w, https:\/\/www.psib-psoe.org\/mallorca\/wp-content\/uploads\/060923-Jornada-Regidorses-FSM-1-20x13.jpg 20w\" sizes=\"(max-width: 600px) 100vw, 600px\" \/><\/figure>\n\t\t<div class=\"blog-top\">\n\t\t\t<header class=\"post-title entry-header\">\n\t\t\t\t<aside class=\"post-meta cf\">\n\t\t06\/09\/2023 \/ <a href=\"https:\/\/www.psib-psoe.org\/mallorca\/category\/federacio-de-mallorca\/\" rel=\"category tag\">Federaci\u00f3 de Mallorca<\/a>, <a href=\"https:\/\/www.psib-psoe.org\/mallorca\/category\/federacio-de-mallorca-portada\/\" rel=\"category tag\">Federaci\u00f3 de Mallorca - Portada<\/a>, <a href=\"https:\/\/www.psib-psoe.org\/mallorca\/category\/municipis\/\" rel=\"category tag\">Municipis<\/a>, <a href=\"https:\/\/www.psib-psoe.org\/mallorca\/category\/portada\/\" rel=\"category tag\">Portada<\/a><\/aside>\n\t\t\t\t<h3 itemprop=\"headline\"><a href=\"https:\/\/www.psib-psoe.org\/mallorca\/els-socialistes-de-mallorca-obren-curs-politic-amb-una-jornada-de-feina-amb-batles-i-regidors-de-les-agrupacions-socialistes-de-lilla\/\" title=\"Els socialistes de Mallorca obren curs pol\u00edtic amb una jornada de feina amb batles i regidors de les Agrupacions socialistes de l&#8217;illa\">Els socialistes de Mallorca obren curs pol\u00edtic amb una jornada de feina amb batles i regidors de les Agrupacions socialistes de l&#8217;illa<\/a><\/h3>\n\t\t\t<\/header>\n\t\t<\/div>\n\t\t<div class=\"post-content\">\n\t\t\t<a href=\"https:\/\/www.psib-psoe.org\/mallorca\/els-socialistes-de-mallorca-obren-curs-politic-amb-una-jornada-de-feina-amb-batles-i-regidors-de-les-agrupacions-socialistes-de-lilla\/\" class=\"more-link\">Read More<\/a>\n\t\t<\/div>\n\t\t\t<aside class=\"post-bottom-meta hide\">\n\t\t<strong rel=\"author\" itemprop=\"author\" class=\"author vcard\"><span class=\"fn\">Socialistes de Mallorca<\/span><\/strong>\n\t\t<time class=\"date published time\" datetime=\"2023-09-06T19:12:10+02:00\" itemprop=\"datePublished\" content=\"2023-09-06T19:12:10+02:00\">06\/09\/2023<\/time>\n\t\t<meta itemprop=\"dateModified\" class=\"date updated\" content=\"2023-09-06T19:12:10+02:00\">\n\t\t<span class=\"hide\" itemprop=\"publisher\" itemscope itemtype=\"https:\/\/schema.org\/Organization\">\n\t\t\t<meta itemprop=\"name\" content=\"SocialistesdMca\">\n\t\t\t<span itemprop=\"logo\" itemscope itemtype=\"https:\/\/schema.org\/ImageObject\">\n\t\t\t\t<meta itemprop=\"url\" content=\"https:\/\/www.psib-psoe.org\/mallorca\/wp-content\/themes\/notio-wp\/assets\/img\/logo.png\">\n\t\t\t<\/span>\n\t\t\t<meta itemprop=\"url\" content=\"https:\/\/www.psib-psoe.org\/mallorca\/\">\n\t\t<\/span>\n\t\t\t\t<span class=\"hide\" itemprop=\"image\" itemscope itemtype=\"http:\/\/schema.org\/ImageObject\">\n\t\t\t<meta itemprop=\"url\" content=\"https:\/\/www.psib-psoe.org\/mallorca\/wp-content\/uploads\/060923-Jornada-Regidorses-FSM-1.jpg\">\n\t\t\t<meta itemprop=\"width\" content=\"4032\">\n\t\t\t<meta itemprop=\"height\" content=\"3024\">\n\t\t<\/span>\n\t\t\t\t<meta itemscope itemprop=\"mainEntityOfPage\" itemtype=\"https:\/\/schema.org\/WebPage\" itemid=\"https:\/\/www.psib-psoe.org\/mallorca\/els-socialistes-de-mallorca-obren-curs-politic-amb-una-jornada-de-feina-amb-batles-i-regidors-de-les-agrupacions-socialistes-de-lilla\/\">\n\t<\/aside>\n\t\t<\/article>\n<\/div>\n<div class=\"small-12 large-4 columns\">\n\t<article itemscope itemtype=\"http:\/\/schema.org\/Article\" class=\"post blog-style7 alt post-27819 type-post status-publish format-standard has-post-thumbnail hentry category-consell-de-mallorca category-federacio-de-mallorca category-federacio-de-mallorca-portada category-portada tag-andreu-serra tag-consell-de-mallorca tag-psib-psoe tag-turisme\" role=\"article\">\n\t\t<figure class=\"post-gallery\"><img loading=\"lazy\" decoding=\"async\" width=\"600\" height=\"400\" src=\"https:\/\/www.psib-psoe.org\/mallorca\/wp-content\/uploads\/Andreu-Serra-destacada-600x400.jpg\" class=\"attachment-notio-general-x2 size-notio-general-x2 wp-post-image\" alt=\"\" srcset=\"https:\/\/www.psib-psoe.org\/mallorca\/wp-content\/uploads\/Andreu-Serra-destacada-600x400.jpg 600w, https:\/\/www.psib-psoe.org\/mallorca\/wp-content\/uploads\/Andreu-Serra-destacada-300x200.jpg 300w, https:\/\/www.psib-psoe.org\/mallorca\/wp-content\/uploads\/Andreu-Serra-destacada-20x13.jpg 20w\" sizes=\"(max-width: 600px) 100vw, 600px\" \/><\/figure>\n\t\t<div class=\"blog-top\">\n\t\t\t<header class=\"post-title entry-header\">\n\t\t\t\t<aside class=\"post-meta cf\">\n\t\t02\/09\/2023 \/ <a href=\"https:\/\/www.psib-psoe.org\/mallorca\/category\/consell-de-mallorca\/\" rel=\"category tag\">Consell de Mallorca<\/a>, <a href=\"https:\/\/www.psib-psoe.org\/mallorca\/category\/federacio-de-mallorca\/\" rel=\"category tag\">Federaci\u00f3 de Mallorca<\/a>, <a href=\"https:\/\/www.psib-psoe.org\/mallorca\/category\/federacio-de-mallorca-portada\/\" rel=\"category tag\">Federaci\u00f3 de Mallorca - Portada<\/a>, <a href=\"https:\/\/www.psib-psoe.org\/mallorca\/category\/portada\/\" rel=\"category tag\">Portada<\/a><\/aside>\n\t\t\t\t<h3 itemprop=\"headline\"><a href=\"https:\/\/www.psib-psoe.org\/mallorca\/els-socialistes-de-mallorca-exigeixen-al-conseller-de-turisme-del-consell-que-comenci-a-treballar-en-benefici-de-tot-sector-i-la-cadena-de-valor-i-que-deixi-de-falsejar-lherencia-rebuda\/\" title=\"Els socialistes de Mallorca exigeixen al conseller de Turisme del Consell que comenci a treballar en benefici de tot el sector i la cadena de valor i que deixi de falsejar l\u2019her\u00e8ncia rebuda.\">Els socialistes de Mallorca exigeixen al conseller de Turisme del Consell que comenci a treballar en benefici de tot el sector i la cadena de valor i que deixi de falsejar l\u2019her\u00e8ncia rebuda.<\/a><\/h3>\n\t\t\t<\/header>\n\t\t<\/div>\n\t\t<div class=\"post-content\">\n\t\t\t<a href=\"https:\/\/www.psib-psoe.org\/mallorca\/els-socialistes-de-mallorca-exigeixen-al-conseller-de-turisme-del-consell-que-comenci-a-treballar-en-benefici-de-tot-sector-i-la-cadena-de-valor-i-que-deixi-de-falsejar-lherencia-rebuda\/\" class=\"more-link\">Read More<\/a>\n\t\t<\/div>\n\t\t\t<aside class=\"post-bottom-meta hide\">\n\t\t<strong rel=\"author\" itemprop=\"author\" class=\"author vcard\"><span class=\"fn\">Albert<\/span><\/strong>\n\t\t<time class=\"date published time\" datetime=\"2023-09-02T12:33:55+02:00\" itemprop=\"datePublished\" content=\"2023-09-02T12:33:55+02:00\">02\/09\/2023<\/time>\n\t\t<meta itemprop=\"dateModified\" class=\"date updated\" content=\"2023-09-02T13:14:23+02:00\">\n\t\t<span class=\"hide\" itemprop=\"publisher\" itemscope itemtype=\"https:\/\/schema.org\/Organization\">\n\t\t\t<meta itemprop=\"name\" content=\"SocialistesdMca\">\n\t\t\t<span itemprop=\"logo\" itemscope itemtype=\"https:\/\/schema.org\/ImageObject\">\n\t\t\t\t<meta itemprop=\"url\" content=\"https:\/\/www.psib-psoe.org\/mallorca\/wp-content\/themes\/notio-wp\/assets\/img\/logo.png\">\n\t\t\t<\/span>\n\t\t\t<meta itemprop=\"url\" content=\"https:\/\/www.psib-psoe.org\/mallorca\/\">\n\t\t<\/span>\n\t\t\t\t<span class=\"hide\" itemprop=\"image\" itemscope itemtype=\"http:\/\/schema.org\/ImageObject\">\n\t\t\t<meta itemprop=\"url\" content=\"https:\/\/www.psib-psoe.org\/mallorca\/wp-content\/uploads\/Andreu-Serra-destacada.jpg\">\n\t\t\t<meta itemprop=\"width\" content=\"1100\">\n\t\t\t<meta itemprop=\"height\" content=\"573\">\n\t\t<\/span>\n\t\t\t\t<meta itemscope itemprop=\"mainEntityOfPage\" itemtype=\"https:\/\/schema.org\/WebPage\" itemid=\"https:\/\/www.psib-psoe.org\/mallorca\/els-socialistes-de-mallorca-exigeixen-al-conseller-de-turisme-del-consell-que-comenci-a-treballar-en-benefici-de-tot-sector-i-la-cadena-de-valor-i-que-deixi-de-falsejar-lherencia-rebuda\/\">\n\t<\/aside>\n\t\t<\/article>\n<\/div>\n<div class=\"small-12 large-4 columns\">\n\t<article itemscope itemtype=\"http:\/\/schema.org\/Article\" class=\"post blog-style7 alt post-27760 type-post status-publish format-standard has-post-thumbnail hentry category-federacio-de-mallorca category-municipis category-portada tag-alcudia tag-catalina-cladera tag-federacio-socialista-de-mallorca tag-psib-psoe\" role=\"article\">\n\t\t<figure class=\"post-gallery\"><img loading=\"lazy\" decoding=\"async\" width=\"600\" height=\"400\" src=\"https:\/\/www.psib-psoe.org\/mallorca\/wp-content\/uploads\/Alc\u00fadia-600x400.jpg\" class=\"attachment-notio-general-x2 size-notio-general-x2 wp-post-image\" alt=\"\" srcset=\"https:\/\/www.psib-psoe.org\/mallorca\/wp-content\/uploads\/Alc\u00fadia-600x400.jpg 600w, https:\/\/www.psib-psoe.org\/mallorca\/wp-content\/uploads\/Alc\u00fadia-300x200.jpg 300w, https:\/\/www.psib-psoe.org\/mallorca\/wp-content\/uploads\/Alc\u00fadia-900x600.jpg 900w, https:\/\/www.psib-psoe.org\/mallorca\/wp-content\/uploads\/Alc\u00fadia-20x13.jpg 20w\" sizes=\"(max-width: 600px) 100vw, 600px\" \/><\/figure>\n\t\t<div class=\"blog-top\">\n\t\t\t<header class=\"post-title entry-header\">\n\t\t\t\t<aside class=\"post-meta cf\">\n\t\t01\/08\/2023 \/ <a href=\"https:\/\/www.psib-psoe.org\/mallorca\/category\/federacio-de-mallorca\/\" rel=\"category tag\">Federaci\u00f3 de Mallorca<\/a>, <a href=\"https:\/\/www.psib-psoe.org\/mallorca\/category\/municipis\/\" rel=\"category tag\">Municipis<\/a>, <a href=\"https:\/\/www.psib-psoe.org\/mallorca\/category\/portada\/\" rel=\"category tag\">Portada<\/a><\/aside>\n\t\t\t\t<h3 itemprop=\"headline\"><a href=\"https:\/\/www.psib-psoe.org\/mallorca\/assessors-ajuntament-alcudia\/\" title=\"Els socialistes d\u2019Alc\u00fadia denuncien que l\u2019Ajuntament es gastar\u00e0 3 milions d\u2019euros en 4 anys en sous de regidors i c\u00e0rrecs de confian\u00e7a\">Els socialistes d\u2019Alc\u00fadia denuncien que l\u2019Ajuntament es gastar\u00e0 3 milions d\u2019euros en 4 anys en sous de regidors i c\u00e0rrecs de confian\u00e7a<\/a><\/h3>\n\t\t\t<\/header>\n\t\t<\/div>\n\t\t<div class=\"post-content\">\n\t\t\t<a href=\"https:\/\/www.psib-psoe.org\/mallorca\/assessors-ajuntament-alcudia\/\" class=\"more-link\">Read More<\/a>\n\t\t<\/div>\n\t\t\t<aside class=\"post-bottom-meta hide\">\n\t\t<strong rel=\"author\" itemprop=\"author\" class=\"author vcard\"><span class=\"fn\">Albert<\/span><\/strong>\n\t\t<time class=\"date published time\" datetime=\"2023-08-01T11:09:04+02:00\" itemprop=\"datePublished\" content=\"2023-08-01T11:09:04+02:00\">01\/08\/2023<\/time>\n\t\t<meta itemprop=\"dateModified\" class=\"date updated\" content=\"2023-08-01T11:09:04+02:00\">\n\t\t<span class=\"hide\" itemprop=\"publisher\" itemscope itemtype=\"https:\/\/schema.org\/Organization\">\n\t\t\t<meta itemprop=\"name\" content=\"SocialistesdMca\">\n\t\t\t<span itemprop=\"logo\" itemscope itemtype=\"https:\/\/schema.org\/ImageObject\">\n\t\t\t\t<meta itemprop=\"url\" content=\"https:\/\/www.psib-psoe.org\/mallorca\/wp-content\/themes\/notio-wp\/assets\/img\/logo.png\">\n\t\t\t<\/span>\n\t\t\t<meta itemprop=\"url\" content=\"https:\/\/www.psib-psoe.org\/mallorca\/\">\n\t\t<\/span>\n\t\t\t\t<span class=\"hide\" itemprop=\"image\" itemscope itemtype=\"http:\/\/schema.org\/ImageObject\">\n\t\t\t<meta itemprop=\"url\" content=\"https:\/\/www.psib-psoe.org\/mallorca\/wp-content\/uploads\/Alc\u00fadia.jpg\">\n\t\t\t<meta itemprop=\"width\" content=\"2048\">\n\t\t\t<meta itemprop=\"height\" content=\"1954\">\n\t\t<\/span>\n\t\t\t\t<meta itemscope itemprop=\"mainEntityOfPage\" itemtype=\"https:\/\/schema.org\/WebPage\" itemid=\"https:\/\/www.psib-psoe.org\/mallorca\/assessors-ajuntament-alcudia\/\">\n\t<\/aside>\n\t\t<\/article>\n<\/div>\n<div class=\"small-12 large-4 columns\">\n\t<article itemscope itemtype=\"http:\/\/schema.org\/Article\" class=\"post blog-style7 alt post-27737 type-post status-publish format-standard has-post-thumbnail hentry category-federacio-de-mallorca tag-federacio-socialista-de-mallorca\" role=\"article\">\n\t\t<figure class=\"post-gallery\"><img loading=\"lazy\" decoding=\"async\" width=\"600\" height=\"400\" src=\"https:\/\/www.psib-psoe.org\/mallorca\/wp-content\/uploads\/WhatsApp-Image-2023-07-13-at-21.40.09-600x400.jpeg\" class=\"attachment-notio-general-x2 size-notio-general-x2 wp-post-image\" alt=\"\" srcset=\"https:\/\/www.psib-psoe.org\/mallorca\/wp-content\/uploads\/WhatsApp-Image-2023-07-13-at-21.40.09-600x400.jpeg 600w, https:\/\/www.psib-psoe.org\/mallorca\/wp-content\/uploads\/WhatsApp-Image-2023-07-13-at-21.40.09-300x200.jpeg 300w, https:\/\/www.psib-psoe.org\/mallorca\/wp-content\/uploads\/WhatsApp-Image-2023-07-13-at-21.40.09-768x512.jpeg 768w, https:\/\/www.psib-psoe.org\/mallorca\/wp-content\/uploads\/WhatsApp-Image-2023-07-13-at-21.40.09-1024x682.jpeg 1024w, https:\/\/www.psib-psoe.org\/mallorca\/wp-content\/uploads\/WhatsApp-Image-2023-07-13-at-21.40.09-150x100.jpeg 150w, https:\/\/www.psib-psoe.org\/mallorca\/wp-content\/uploads\/WhatsApp-Image-2023-07-13-at-21.40.09-900x600.jpeg 900w, https:\/\/www.psib-psoe.org\/mallorca\/wp-content\/uploads\/WhatsApp-Image-2023-07-13-at-21.40.09-20x13.jpeg 20w, https:\/\/www.psib-psoe.org\/mallorca\/wp-content\/uploads\/WhatsApp-Image-2023-07-13-at-21.40.09.jpeg 1600w\" sizes=\"(max-width: 600px) 100vw, 600px\" \/><\/figure>\n\t\t<div class=\"blog-top\">\n\t\t\t<header class=\"post-title entry-header\">\n\t\t\t\t<aside class=\"post-meta cf\">\n\t\t14\/07\/2023 \/ <a href=\"https:\/\/www.psib-psoe.org\/mallorca\/category\/federacio-de-mallorca\/\" rel=\"category tag\">Federaci\u00f3 de Mallorca<\/a><\/aside>\n\t\t\t\t<h3 itemprop=\"headline\"><a href=\"https:\/\/www.psib-psoe.org\/mallorca\/francina-armengol-situa-al-psib-psoe-com-lunic-vot-eficac-perque-espanya-continui-avancant-i-aturar-els-retrocessos-de-pp-i-vox\/\" title=\"Francina Armengol situa al PSIB-PSOE com \u201cl\u2019\u00fanic vot efica\u00e7 perqu\u00e8 Espanya continu\u00ef avan\u00e7ant i aturar els retrocessos de PP i Vox\u201d\">Francina Armengol situa al PSIB-PSOE com \u201cl\u2019\u00fanic vot efica\u00e7 perqu\u00e8 Espanya continu\u00ef avan\u00e7ant i aturar els retrocessos de PP i Vox\u201d<\/a><\/h3>\n\t\t\t<\/header>\n\t\t<\/div>\n\t\t<div class=\"post-content\">\n\t\t\t<a href=\"https:\/\/www.psib-psoe.org\/mallorca\/francina-armengol-situa-al-psib-psoe-com-lunic-vot-eficac-perque-espanya-continui-avancant-i-aturar-els-retrocessos-de-pp-i-vox\/\" class=\"more-link\">Read More<\/a>\n\t\t<\/div>\n\t\t\t<aside class=\"post-bottom-meta hide\">\n\t\t<strong rel=\"author\" itemprop=\"author\" class=\"author vcard\"><span class=\"fn\">adminpsib<\/span><\/strong>\n\t\t<time class=\"date published time\" datetime=\"2023-07-14T11:02:01+02:00\" itemprop=\"datePublished\" content=\"2023-07-14T11:02:01+02:00\">14\/07\/2023<\/time>\n\t\t<meta itemprop=\"dateModified\" class=\"date updated\" content=\"2023-07-14T11:02:01+02:00\">\n\t\t<span class=\"hide\" itemprop=\"publisher\" itemscope itemtype=\"https:\/\/schema.org\/Organization\">\n\t\t\t<meta itemprop=\"name\" content=\"SocialistesdMca\">\n\t\t\t<span itemprop=\"logo\" itemscope itemtype=\"https:\/\/schema.org\/ImageObject\">\n\t\t\t\t<meta itemprop=\"url\" content=\"https:\/\/www.psib-psoe.org\/mallorca\/wp-content\/themes\/notio-wp\/assets\/img\/logo.png\">\n\t\t\t<\/span>\n\t\t\t<meta itemprop=\"url\" content=\"https:\/\/www.psib-psoe.org\/mallorca\/\">\n\t\t<\/span>\n\t\t\t\t<span class=\"hide\" itemprop=\"image\" itemscope itemtype=\"http:\/\/schema.org\/ImageObject\">\n\t\t\t<meta itemprop=\"url\" content=\"https:\/\/www.psib-psoe.org\/mallorca\/wp-content\/uploads\/WhatsApp-Image-2023-07-13-at-21.40.09.jpeg\">\n\t\t\t<meta itemprop=\"width\" content=\"1600\">\n\t\t\t<meta itemprop=\"height\" content=\"1066\">\n\t\t<\/span>\n\t\t\t\t<meta itemscope itemprop=\"mainEntityOfPage\" itemtype=\"https:\/\/schema.org\/WebPage\" itemid=\"https:\/\/www.psib-psoe.org\/mallorca\/francina-armengol-situa-al-psib-psoe-com-lunic-vot-eficac-perque-espanya-continui-avancant-i-aturar-els-retrocessos-de-pp-i-vox\/\">\n\t<\/aside>\n\t\t<\/article>\n<\/div>\n<div class=\"small-12 large-4 columns\">\n\t<article itemscope itemtype=\"http:\/\/schema.org\/Article\" class=\"post blog-style7 alt post-27727 type-post status-publish format-standard has-post-thumbnail hentry category-federacio-de-mallorca tag-federacio-socialista-de-mallorca\" role=\"article\">\n\t\t<figure class=\"post-gallery\"><img loading=\"lazy\" decoding=\"async\" width=\"600\" height=\"400\" src=\"https:\/\/www.psib-psoe.org\/mallorca\/wp-content\/uploads\/WhatsApp-Image-2023-07-10-at-12.22.02-600x400.jpeg\" class=\"attachment-notio-general-x2 size-notio-general-x2 wp-post-image\" alt=\"\" srcset=\"https:\/\/www.psib-psoe.org\/mallorca\/wp-content\/uploads\/WhatsApp-Image-2023-07-10-at-12.22.02-600x400.jpeg 600w, https:\/\/www.psib-psoe.org\/mallorca\/wp-content\/uploads\/WhatsApp-Image-2023-07-10-at-12.22.02-300x200.jpeg 300w, https:\/\/www.psib-psoe.org\/mallorca\/wp-content\/uploads\/WhatsApp-Image-2023-07-10-at-12.22.02-768x512.jpeg 768w, https:\/\/www.psib-psoe.org\/mallorca\/wp-content\/uploads\/WhatsApp-Image-2023-07-10-at-12.22.02.jpeg 1024w, https:\/\/www.psib-psoe.org\/mallorca\/wp-content\/uploads\/WhatsApp-Image-2023-07-10-at-12.22.02-150x100.jpeg 150w, https:\/\/www.psib-psoe.org\/mallorca\/wp-content\/uploads\/WhatsApp-Image-2023-07-10-at-12.22.02-900x600.jpeg 900w, https:\/\/www.psib-psoe.org\/mallorca\/wp-content\/uploads\/WhatsApp-Image-2023-07-10-at-12.22.02-20x13.jpeg 20w\" sizes=\"(max-width: 600px) 100vw, 600px\" \/><\/figure>\n\t\t<div class=\"blog-top\">\n\t\t\t<header class=\"post-title entry-header\">\n\t\t\t\t<aside class=\"post-meta cf\">\n\t\t10\/07\/2023 \/ <a href=\"https:\/\/www.psib-psoe.org\/mallorca\/category\/federacio-de-mallorca\/\" rel=\"category tag\">Federaci\u00f3 de Mallorca<\/a><\/aside>\n\t\t\t\t<h3 itemprop=\"headline\"><a href=\"https:\/\/www.psib-psoe.org\/mallorca\/francina-armengol-el-23-de-juliol-no-esta-en-joc-la-unitat-despanya-sino-la-pluralitat-i-la-diversitat-despanya\/\" title=\"Francina Armengol: \u201cEl 23 de juliol no est\u00e0 en joc la unitat d\u2019Espanya, sin\u00f3 la pluralitat i la diversitat d\u2019Espanya\u201d\">Francina Armengol: \u201cEl 23 de juliol no est\u00e0 en joc la unitat d\u2019Espanya, sin\u00f3 la pluralitat i la diversitat d\u2019Espanya\u201d<\/a><\/h3>\n\t\t\t<\/header>\n\t\t<\/div>\n\t\t<div class=\"post-content\">\n\t\t\t<a href=\"https:\/\/www.psib-psoe.org\/mallorca\/francina-armengol-el-23-de-juliol-no-esta-en-joc-la-unitat-despanya-sino-la-pluralitat-i-la-diversitat-despanya\/\" class=\"more-link\">Read More<\/a>\n\t\t<\/div>\n\t\t\t<aside class=\"post-bottom-meta hide\">\n\t\t<strong rel=\"author\" itemprop=\"author\" class=\"author vcard\"><span class=\"fn\">adminpsib<\/span><\/strong>\n\t\t<time class=\"date published time\" datetime=\"2023-07-10T14:32:37+02:00\" itemprop=\"datePublished\" content=\"2023-07-10T14:32:37+02:00\">10\/07\/2023<\/time>\n\t\t<meta itemprop=\"dateModified\" class=\"date updated\" content=\"2023-07-10T14:32:37+02:00\">\n\t\t<span class=\"hide\" itemprop=\"publisher\" itemscope itemtype=\"https:\/\/schema.org\/Organization\">\n\t\t\t<meta itemprop=\"name\" content=\"SocialistesdMca\">\n\t\t\t<span itemprop=\"logo\" itemscope itemtype=\"https:\/\/schema.org\/ImageObject\">\n\t\t\t\t<meta itemprop=\"url\" content=\"https:\/\/www.psib-psoe.org\/mallorca\/wp-content\/themes\/notio-wp\/assets\/img\/logo.png\">\n\t\t\t<\/span>\n\t\t\t<meta itemprop=\"url\" content=\"https:\/\/www.psib-psoe.org\/mallorca\/\">\n\t\t<\/span>\n\t\t\t\t<span class=\"hide\" itemprop=\"image\" itemscope itemtype=\"http:\/\/schema.org\/ImageObject\">\n\t\t\t<meta itemprop=\"url\" content=\"https:\/\/www.psib-psoe.org\/mallorca\/wp-content\/uploads\/WhatsApp-Image-2023-07-10-at-12.22.02.jpeg\">\n\t\t\t<meta itemprop=\"width\" content=\"1024\">\n\t\t\t<meta itemprop=\"height\" content=\"682\">\n\t\t<\/span>\n\t\t\t\t<meta itemscope itemprop=\"mainEntityOfPage\" itemtype=\"https:\/\/schema.org\/WebPage\" itemid=\"https:\/\/www.psib-psoe.org\/mallorca\/francina-armengol-el-23-de-juliol-no-esta-en-joc-la-unitat-despanya-sino-la-pluralitat-i-la-diversitat-despanya\/\">\n\t<\/aside>\n\t\t<\/article>\n<\/div>\n<div class=\"small-12 large-4 columns\">\n\t<article itemscope itemtype=\"http:\/\/schema.org\/Article\" class=\"post blog-style7 alt post-27725 type-post status-publish format-standard has-post-thumbnail hentry category-federacio-de-mallorca tag-federacio-socialista-de-mallorca\" role=\"article\">\n\t\t<figure class=\"post-gallery\"><img loading=\"lazy\" decoding=\"async\" width=\"600\" height=\"400\" src=\"https:\/\/www.psib-psoe.org\/mallorca\/wp-content\/uploads\/c12d30e0-8412-4cfa-8d7f-af205f72184c-600x400.jpg\" class=\"attachment-notio-general-x2 size-notio-general-x2 wp-post-image\" alt=\"\" srcset=\"https:\/\/www.psib-psoe.org\/mallorca\/wp-content\/uploads\/c12d30e0-8412-4cfa-8d7f-af205f72184c-600x400.jpg 600w, https:\/\/www.psib-psoe.org\/mallorca\/wp-content\/uploads\/c12d30e0-8412-4cfa-8d7f-af205f72184c-300x200.jpg 300w, https:\/\/www.psib-psoe.org\/mallorca\/wp-content\/uploads\/c12d30e0-8412-4cfa-8d7f-af205f72184c-900x600.jpg 900w, https:\/\/www.psib-psoe.org\/mallorca\/wp-content\/uploads\/c12d30e0-8412-4cfa-8d7f-af205f72184c-20x13.jpg 20w\" sizes=\"(max-width: 600px) 100vw, 600px\" \/><\/figure>\n\t\t<div class=\"blog-top\">\n\t\t\t<header class=\"post-title entry-header\">\n\t\t\t\t<aside class=\"post-meta cf\">\n\t\t09\/07\/2023 \/ <a href=\"https:\/\/www.psib-psoe.org\/mallorca\/category\/federacio-de-mallorca\/\" rel=\"category tag\">Federaci\u00f3 de Mallorca<\/a><\/aside>\n\t\t\t\t<h3 itemprop=\"headline\"><a href=\"https:\/\/www.psib-psoe.org\/mallorca\/el-psib-psoe-demana-el-vot-i-la-mobilitzacio-per-al-23j-a-les-platges-de-mallorca-amb-una-avioneta-amb-el-lema-endavant-vota-psoe\/\" title=\"El PSIB-PSOE demana el vot i la mobilitzaci\u00f3 per al 23J a les platges de Mallorca amb una avioneta amb el lema \u201cEndavant, vota PSOE\u201d\">El PSIB-PSOE demana el vot i la mobilitzaci\u00f3 per al 23J a les platges de Mallorca amb una avioneta amb el lema \u201cEndavant, vota PSOE\u201d<\/a><\/h3>\n\t\t\t<\/header>\n\t\t<\/div>\n\t\t<div class=\"post-content\">\n\t\t\t<a href=\"https:\/\/www.psib-psoe.org\/mallorca\/el-psib-psoe-demana-el-vot-i-la-mobilitzacio-per-al-23j-a-les-platges-de-mallorca-amb-una-avioneta-amb-el-lema-endavant-vota-psoe\/\" class=\"more-link\">Read More<\/a>\n\t\t<\/div>\n\t\t\t<aside class=\"post-bottom-meta hide\">\n\t\t<strong rel=\"author\" itemprop=\"author\" class=\"author vcard\"><span class=\"fn\">adminpsib<\/span><\/strong>\n\t\t<time class=\"date published time\" datetime=\"2023-07-09T13:47:41+02:00\" itemprop=\"datePublished\" content=\"2023-07-09T13:47:41+02:00\">09\/07\/2023<\/time>\n\t\t<meta itemprop=\"dateModified\" class=\"date updated\" content=\"2023-07-09T13:47:41+02:00\">\n\t\t<span class=\"hide\" itemprop=\"publisher\" itemscope itemtype=\"https:\/\/schema.org\/Organization\">\n\t\t\t<meta itemprop=\"name\" content=\"SocialistesdMca\">\n\t\t\t<span itemprop=\"logo\" itemscope itemtype=\"https:\/\/schema.org\/ImageObject\">\n\t\t\t\t<meta itemprop=\"url\" content=\"https:\/\/www.psib-psoe.org\/mallorca\/wp-content\/themes\/notio-wp\/assets\/img\/logo.png\">\n\t\t\t<\/span>\n\t\t\t<meta itemprop=\"url\" content=\"https:\/\/www.psib-psoe.org\/mallorca\/\">\n\t\t<\/span>\n\t\t\t\t<span class=\"hide\" itemprop=\"image\" itemscope itemtype=\"http:\/\/schema.org\/ImageObject\">\n\t\t\t<meta itemprop=\"url\" content=\"https:\/\/www.psib-psoe.org\/mallorca\/wp-content\/uploads\/c12d30e0-8412-4cfa-8d7f-af205f72184c.jpg\">\n\t\t\t<meta itemprop=\"width\" content=\"2048\">\n\t\t\t<meta itemprop=\"height\" content=\"1536\">\n\t\t<\/span>\n\t\t\t\t<meta itemscope itemprop=\"mainEntityOfPage\" itemtype=\"https:\/\/schema.org\/WebPage\" itemid=\"https:\/\/www.psib-psoe.org\/mallorca\/el-psib-psoe-demana-el-vot-i-la-mobilitzacio-per-al-23j-a-les-platges-de-mallorca-amb-una-avioneta-amb-el-lema-endavant-vota-psoe\/\">\n\t<\/aside>\n\t\t<\/article>\n<\/div>\n<div class=\"small-12 large-4 columns\">\n\t<article itemscope itemtype=\"http:\/\/schema.org\/Article\" class=\"post blog-style7 alt post-27719 type-post status-publish format-standard has-post-thumbnail hentry category-federacio-de-mallorca tag-federacio-socialista-de-mallorca\" role=\"article\">\n\t\t<figure class=\"post-gallery\"><img loading=\"lazy\" decoding=\"async\" width=\"600\" height=\"400\" src=\"https:\/\/www.psib-psoe.org\/mallorca\/wp-content\/uploads\/WhatsApp-Image-2023-07-08-at-11.26.42-600x400.jpeg\" class=\"attachment-notio-general-x2 size-notio-general-x2 wp-post-image\" alt=\"\" srcset=\"https:\/\/www.psib-psoe.org\/mallorca\/wp-content\/uploads\/WhatsApp-Image-2023-07-08-at-11.26.42-600x400.jpeg 600w, https:\/\/www.psib-psoe.org\/mallorca\/wp-content\/uploads\/WhatsApp-Image-2023-07-08-at-11.26.42-300x200.jpeg 300w, https:\/\/www.psib-psoe.org\/mallorca\/wp-content\/uploads\/WhatsApp-Image-2023-07-08-at-11.26.42-900x600.jpeg 900w, https:\/\/www.psib-psoe.org\/mallorca\/wp-content\/uploads\/WhatsApp-Image-2023-07-08-at-11.26.42-20x13.jpeg 20w\" sizes=\"(max-width: 600px) 100vw, 600px\" \/><\/figure>\n\t\t<div class=\"blog-top\">\n\t\t\t<header class=\"post-title entry-header\">\n\t\t\t\t<aside class=\"post-meta cf\">\n\t\t08\/07\/2023 \/ <a href=\"https:\/\/www.psib-psoe.org\/mallorca\/category\/federacio-de-mallorca\/\" rel=\"category tag\">Federaci\u00f3 de Mallorca<\/a><\/aside>\n\t\t\t\t<h3 itemprop=\"headline\"><a href=\"https:\/\/www.psib-psoe.org\/mallorca\/el-psib-psoe-adverteix-que-esta-de-remuntada-i-recorda-que-el-23j-la-ciutadania-tria-entre-avancar-o-retrocedir\/\" title=\"El PSIB-PSOE adverteix que est\u00e0 de remuntada i recorda que el 23J la ciutadania tria entre avan\u00e7ar o retrocedir\">El PSIB-PSOE adverteix que est\u00e0 de remuntada i recorda que el 23J la ciutadania tria entre avan\u00e7ar o retrocedir<\/a><\/h3>\n\t\t\t<\/header>\n\t\t<\/div>\n\t\t<div class=\"post-content\">\n\t\t\t<a href=\"https:\/\/www.psib-psoe.org\/mallorca\/el-psib-psoe-adverteix-que-esta-de-remuntada-i-recorda-que-el-23j-la-ciutadania-tria-entre-avancar-o-retrocedir\/\" class=\"more-link\">Read More<\/a>\n\t\t<\/div>\n\t\t\t<aside class=\"post-bottom-meta hide\">\n\t\t<strong rel=\"author\" itemprop=\"author\" class=\"author vcard\"><span class=\"fn\">adminpsib<\/span><\/strong>\n\t\t<time class=\"date published time\" datetime=\"2023-07-08T13:39:23+02:00\" itemprop=\"datePublished\" content=\"2023-07-08T13:39:23+02:00\">08\/07\/2023<\/time>\n\t\t<meta itemprop=\"dateModified\" class=\"date updated\" content=\"2023-07-08T13:39:23+02:00\">\n\t\t<span class=\"hide\" itemprop=\"publisher\" itemscope itemtype=\"https:\/\/schema.org\/Organization\">\n\t\t\t<meta itemprop=\"name\" content=\"SocialistesdMca\">\n\t\t\t<span itemprop=\"logo\" itemscope itemtype=\"https:\/\/schema.org\/ImageObject\">\n\t\t\t\t<meta itemprop=\"url\" content=\"https:\/\/www.psib-psoe.org\/mallorca\/wp-content\/themes\/notio-wp\/assets\/img\/logo.png\">\n\t\t\t<\/span>\n\t\t\t<meta itemprop=\"url\" content=\"https:\/\/www.psib-psoe.org\/mallorca\/\">\n\t\t<\/span>\n\t\t\t\t<span class=\"hide\" itemprop=\"image\" itemscope itemtype=\"http:\/\/schema.org\/ImageObject\">\n\t\t\t<meta itemprop=\"url\" content=\"https:\/\/www.psib-psoe.org\/mallorca\/wp-content\/uploads\/WhatsApp-Image-2023-07-08-at-11.26.42.jpeg\">\n\t\t\t<meta itemprop=\"width\" content=\"1024\">\n\t\t\t<meta itemprop=\"height\" content=\"768\">\n\t\t<\/span>\n\t\t\t\t<meta itemscope itemprop=\"mainEntityOfPage\" itemtype=\"https:\/\/schema.org\/WebPage\" itemid=\"https:\/\/www.psib-psoe.org\/mallorca\/el-psib-psoe-adverteix-que-esta-de-remuntada-i-recorda-que-el-23j-la-ciutadania-tria-entre-avancar-o-retrocedir\/\">\n\t<\/aside>\n\t\t<\/article>\n<\/div>\n<div class=\"small-12 large-4 columns\">\n\t<article itemscope itemtype=\"http:\/\/schema.org\/Article\" class=\"post blog-style7 alt post-27717 type-post status-publish format-standard has-post-thumbnail hentry category-federacio-de-mallorca tag-federacio-socialista-de-mallorca\" role=\"article\">\n\t\t<figure class=\"post-gallery\"><img loading=\"lazy\" decoding=\"async\" width=\"600\" height=\"400\" src=\"https:\/\/www.psib-psoe.org\/mallorca\/wp-content\/uploads\/WhatsApp-Image-2023-07-07-at-23.00.56-600x400.jpeg\" class=\"attachment-notio-general-x2 size-notio-general-x2 wp-post-image\" alt=\"\" srcset=\"https:\/\/www.psib-psoe.org\/mallorca\/wp-content\/uploads\/WhatsApp-Image-2023-07-07-at-23.00.56-600x400.jpeg 600w, https:\/\/www.psib-psoe.org\/mallorca\/wp-content\/uploads\/WhatsApp-Image-2023-07-07-at-23.00.56-300x200.jpeg 300w, https:\/\/www.psib-psoe.org\/mallorca\/wp-content\/uploads\/WhatsApp-Image-2023-07-07-at-23.00.56-768x512.jpeg 768w, https:\/\/www.psib-psoe.org\/mallorca\/wp-content\/uploads\/WhatsApp-Image-2023-07-07-at-23.00.56-1024x682.jpeg 1024w, https:\/\/www.psib-psoe.org\/mallorca\/wp-content\/uploads\/WhatsApp-Image-2023-07-07-at-23.00.56-150x100.jpeg 150w, https:\/\/www.psib-psoe.org\/mallorca\/wp-content\/uploads\/WhatsApp-Image-2023-07-07-at-23.00.56-900x600.jpeg 900w, https:\/\/www.psib-psoe.org\/mallorca\/wp-content\/uploads\/WhatsApp-Image-2023-07-07-at-23.00.56-20x13.jpeg 20w, https:\/\/www.psib-psoe.org\/mallorca\/wp-content\/uploads\/WhatsApp-Image-2023-07-07-at-23.00.56.jpeg 1600w\" sizes=\"(max-width: 600px) 100vw, 600px\" \/><\/figure>\n\t\t<div class=\"blog-top\">\n\t\t\t<header class=\"post-title entry-header\">\n\t\t\t\t<aside class=\"post-meta cf\">\n\t\t08\/07\/2023 \/ <a href=\"https:\/\/www.psib-psoe.org\/mallorca\/category\/federacio-de-mallorca\/\" rel=\"category tag\">Federaci\u00f3 de Mallorca<\/a><\/aside>\n\t\t\t\t<h3 itemprop=\"headline\"><a href=\"https:\/\/www.psib-psoe.org\/mallorca\/armengol-demana-el-vot-per-al-psoe-a-qui-ens-ha-votat-sempre-pero-tambe-als-que-estan-decebuts-amb-el-pacte-del-pp-amb-vox\/\" title=\"Armengol demana el vot per al PSOE \u201ca qui ens ha votat sempre, per\u00f2 tamb\u00e9 als que estan decebuts amb el pacte del PP amb VOX\u201d\">Armengol demana el vot per al PSOE \u201ca qui ens ha votat sempre, per\u00f2 tamb\u00e9 als que estan decebuts amb el pacte del PP amb VOX\u201d<\/a><\/h3>\n\t\t\t<\/header>\n\t\t<\/div>\n\t\t<div class=\"post-content\">\n\t\t\t<a href=\"https:\/\/www.psib-psoe.org\/mallorca\/armengol-demana-el-vot-per-al-psoe-a-qui-ens-ha-votat-sempre-pero-tambe-als-que-estan-decebuts-amb-el-pacte-del-pp-amb-vox\/\" class=\"more-link\">Read More<\/a>\n\t\t<\/div>\n\t\t\t<aside class=\"post-bottom-meta hide\">\n\t\t<strong rel=\"author\" itemprop=\"author\" class=\"author vcard\"><span class=\"fn\">adminpsib<\/span><\/strong>\n\t\t<time class=\"date published time\" datetime=\"2023-07-08T10:26:31+02:00\" itemprop=\"datePublished\" content=\"2023-07-08T10:26:31+02:00\">08\/07\/2023<\/time>\n\t\t<meta itemprop=\"dateModified\" class=\"date updated\" content=\"2023-07-08T10:26:31+02:00\">\n\t\t<span class=\"hide\" itemprop=\"publisher\" itemscope itemtype=\"https:\/\/schema.org\/Organization\">\n\t\t\t<meta itemprop=\"name\" content=\"SocialistesdMca\">\n\t\t\t<span itemprop=\"logo\" itemscope itemtype=\"https:\/\/schema.org\/ImageObject\">\n\t\t\t\t<meta itemprop=\"url\" content=\"https:\/\/www.psib-psoe.org\/mallorca\/wp-content\/themes\/notio-wp\/assets\/img\/logo.png\">\n\t\t\t<\/span>\n\t\t\t<meta itemprop=\"url\" content=\"https:\/\/www.psib-psoe.org\/mallorca\/\">\n\t\t<\/span>\n\t\t\t\t<span class=\"hide\" itemprop=\"image\" itemscope itemtype=\"http:\/\/schema.org\/ImageObject\">\n\t\t\t<meta itemprop=\"url\" content=\"https:\/\/www.psib-psoe.org\/mallorca\/wp-content\/uploads\/WhatsApp-Image-2023-07-07-at-23.00.56.jpeg\">\n\t\t\t<meta itemprop=\"width\" content=\"1600\">\n\t\t\t<meta itemprop=\"height\" content=\"1066\">\n\t\t<\/span>\n\t\t\t\t<meta itemscope itemprop=\"mainEntityOfPage\" itemtype=\"https:\/\/schema.org\/WebPage\" itemid=\"https:\/\/www.psib-psoe.org\/mallorca\/armengol-demana-el-vot-per-al-psoe-a-qui-ens-ha-votat-sempre-pero-tambe-als-que-estan-decebuts-amb-el-pacte-del-pp-amb-vox\/\">\n\t<\/aside>\n\t\t<\/article>\n<\/div>\n<div class=\"small-12 large-4 columns\">\n\t<article itemscope itemtype=\"http:\/\/schema.org\/Article\" class=\"post blog-style7 alt post-27715 type-post status-publish format-standard has-post-thumbnail hentry category-federacio-de-mallorca tag-federacio-socialista-de-mallorca\" role=\"article\">\n\t\t<figure class=\"post-gallery\"><img loading=\"lazy\" decoding=\"async\" width=\"600\" height=\"400\" src=\"https:\/\/www.psib-psoe.org\/mallorca\/wp-content\/uploads\/FOTO-PENJADA-DE-CARTELLS-600x400.jpeg\" class=\"attachment-notio-general-x2 size-notio-general-x2 wp-post-image\" alt=\"\" srcset=\"https:\/\/www.psib-psoe.org\/mallorca\/wp-content\/uploads\/FOTO-PENJADA-DE-CARTELLS-600x400.jpeg 600w, https:\/\/www.psib-psoe.org\/mallorca\/wp-content\/uploads\/FOTO-PENJADA-DE-CARTELLS-300x200.jpeg 300w, https:\/\/www.psib-psoe.org\/mallorca\/wp-content\/uploads\/FOTO-PENJADA-DE-CARTELLS-900x600.jpeg 900w, https:\/\/www.psib-psoe.org\/mallorca\/wp-content\/uploads\/FOTO-PENJADA-DE-CARTELLS-20x13.jpeg 20w\" sizes=\"(max-width: 600px) 100vw, 600px\" \/><\/figure>\n\t\t<div class=\"blog-top\">\n\t\t\t<header class=\"post-title entry-header\">\n\t\t\t\t<aside class=\"post-meta cf\">\n\t\t06\/07\/2023 \/ <a href=\"https:\/\/www.psib-psoe.org\/mallorca\/category\/federacio-de-mallorca\/\" rel=\"category tag\">Federaci\u00f3 de Mallorca<\/a><\/aside>\n\t\t\t\t<h3 itemprop=\"headline\"><a href=\"https:\/\/www.psib-psoe.org\/mallorca\/francina-armengol-el-partit-socialista-es-lunic-instrument-util-per-fer-possible-continuar-avancant-i-evitar-un-retroces-que-ens-duria-50-anys-enrere\/\" title=\"Francina Armengol: \u201cEl Partit Socialista \u00e9s l\u2019\u00fanic instrument \u00fatil per fer possible continuar avan\u00e7ant i evitar un retroc\u00e9s que ens duria 50 anys enrere\u201d\">Francina Armengol: \u201cEl Partit Socialista \u00e9s l\u2019\u00fanic instrument \u00fatil per fer possible continuar avan\u00e7ant i evitar un retroc\u00e9s que ens duria 50 anys enrere\u201d<\/a><\/h3>\n\t\t\t<\/header>\n\t\t<\/div>\n\t\t<div class=\"post-content\">\n\t\t\t<a href=\"https:\/\/www.psib-psoe.org\/mallorca\/francina-armengol-el-partit-socialista-es-lunic-instrument-util-per-fer-possible-continuar-avancant-i-evitar-un-retroces-que-ens-duria-50-anys-enrere\/\" class=\"more-link\">Read More<\/a>\n\t\t<\/div>\n\t\t\t<aside class=\"post-bottom-meta hide\">\n\t\t<strong rel=\"author\" itemprop=\"author\" class=\"author vcard\"><span class=\"fn\">adminpsib<\/span><\/strong>\n\t\t<time class=\"date published time\" datetime=\"2023-07-06T20:29:07+02:00\" itemprop=\"datePublished\" content=\"2023-07-06T20:29:07+02:00\">06\/07\/2023<\/time>\n\t\t<meta itemprop=\"dateModified\" class=\"date updated\" content=\"2023-07-06T20:29:07+02:00\">\n\t\t<span class=\"hide\" itemprop=\"publisher\" itemscope itemtype=\"https:\/\/schema.org\/Organization\">\n\t\t\t<meta itemprop=\"name\" content=\"SocialistesdMca\">\n\t\t\t<span itemprop=\"logo\" itemscope itemtype=\"https:\/\/schema.org\/ImageObject\">\n\t\t\t\t<meta itemprop=\"url\" content=\"https:\/\/www.psib-psoe.org\/mallorca\/wp-content\/themes\/notio-wp\/assets\/img\/logo.png\">\n\t\t\t<\/span>\n\t\t\t<meta itemprop=\"url\" content=\"https:\/\/www.psib-psoe.org\/mallorca\/\">\n\t\t<\/span>\n\t\t\t\t<span class=\"hide\" itemprop=\"image\" itemscope itemtype=\"http:\/\/schema.org\/ImageObject\">\n\t\t\t<meta itemprop=\"url\" content=\"https:\/\/www.psib-psoe.org\/mallorca\/wp-content\/uploads\/FOTO-PENJADA-DE-CARTELLS.jpeg\">\n\t\t\t<meta itemprop=\"width\" content=\"1024\">\n\t\t\t<meta itemprop=\"height\" content=\"768\">\n\t\t<\/span>\n\t\t\t\t<meta itemscope itemprop=\"mainEntityOfPage\" itemtype=\"https:\/\/schema.org\/WebPage\" itemid=\"https:\/\/www.psib-psoe.org\/mallorca\/francina-armengol-el-partit-socialista-es-lunic-instrument-util-per-fer-possible-continuar-avancant-i-evitar-un-retroces-que-ens-duria-50-anys-enrere\/\">\n\t<\/aside>\n\t\t<\/article>\n<\/div>\n<div class=\"small-12 large-4 columns\">\n\t<article itemscope itemtype=\"http:\/\/schema.org\/Article\" class=\"post blog-style7 alt post-27709 type-post status-publish format-standard has-post-thumbnail hentry category-federacio-de-mallorca tag-federacio-socialista-de-mallorca\" role=\"article\">\n\t\t<figure class=\"post-gallery\"><img loading=\"lazy\" decoding=\"async\" width=\"600\" height=\"400\" src=\"https:\/\/www.psib-psoe.org\/mallorca\/wp-content\/uploads\/ECEBCDCC-739E-4FC8-96E0-2FA9B2241E4A-600x400.jpg\" class=\"attachment-notio-general-x2 size-notio-general-x2 wp-post-image\" alt=\"\" srcset=\"https:\/\/www.psib-psoe.org\/mallorca\/wp-content\/uploads\/ECEBCDCC-739E-4FC8-96E0-2FA9B2241E4A-600x400.jpg 600w, https:\/\/www.psib-psoe.org\/mallorca\/wp-content\/uploads\/ECEBCDCC-739E-4FC8-96E0-2FA9B2241E4A-300x200.jpg 300w, https:\/\/www.psib-psoe.org\/mallorca\/wp-content\/uploads\/ECEBCDCC-739E-4FC8-96E0-2FA9B2241E4A-20x13.jpg 20w\" sizes=\"(max-width: 600px) 100vw, 600px\" \/><\/figure>\n\t\t<div class=\"blog-top\">\n\t\t\t<header class=\"post-title entry-header\">\n\t\t\t\t<aside class=\"post-meta cf\">\n\t\t06\/07\/2023 \/ <a href=\"https:\/\/www.psib-psoe.org\/mallorca\/category\/federacio-de-mallorca\/\" rel=\"category tag\">Federaci\u00f3 de Mallorca<\/a><\/aside>\n\t\t\t\t<h3 itemprop=\"headline\"><a href=\"https:\/\/www.psib-psoe.org\/mallorca\/francina-armengol-el-23j-anam-a-salvar-la-memoria-democratica-els-drets-lgtbi-i-la-igualtat\/\" title=\"Francina Armengol: \u201cEl 23J anam a salvar la mem\u00f2ria democr\u00e0tica, els drets LGTBI i la igualtat\u201d\">Francina Armengol: \u201cEl 23J anam a salvar la mem\u00f2ria democr\u00e0tica, els drets LGTBI i la igualtat\u201d<\/a><\/h3>\n\t\t\t<\/header>\n\t\t<\/div>\n\t\t<div class=\"post-content\">\n\t\t\t<a href=\"https:\/\/www.psib-psoe.org\/mallorca\/francina-armengol-el-23j-anam-a-salvar-la-memoria-democratica-els-drets-lgtbi-i-la-igualtat\/\" class=\"more-link\">Read More<\/a>\n\t\t<\/div>\n\t\t\t<aside class=\"post-bottom-meta hide\">\n\t\t<strong rel=\"author\" itemprop=\"author\" class=\"author vcard\"><span class=\"fn\">adminpsib<\/span><\/strong>\n\t\t<time class=\"date published time\" datetime=\"2023-07-06T11:34:38+02:00\" itemprop=\"datePublished\" content=\"2023-07-06T11:34:38+02:00\">06\/07\/2023<\/time>\n\t\t<meta itemprop=\"dateModified\" class=\"date updated\" content=\"2023-07-06T11:34:38+02:00\">\n\t\t<span class=\"hide\" itemprop=\"publisher\" itemscope itemtype=\"https:\/\/schema.org\/Organization\">\n\t\t\t<meta itemprop=\"name\" content=\"SocialistesdMca\">\n\t\t\t<span itemprop=\"logo\" itemscope itemtype=\"https:\/\/schema.org\/ImageObject\">\n\t\t\t\t<meta itemprop=\"url\" content=\"https:\/\/www.psib-psoe.org\/mallorca\/wp-content\/themes\/notio-wp\/assets\/img\/logo.png\">\n\t\t\t<\/span>\n\t\t\t<meta itemprop=\"url\" content=\"https:\/\/www.psib-psoe.org\/mallorca\/\">\n\t\t<\/span>\n\t\t\t\t<span class=\"hide\" itemprop=\"image\" itemscope itemtype=\"http:\/\/schema.org\/ImageObject\">\n\t\t\t<meta itemprop=\"url\" content=\"https:\/\/www.psib-psoe.org\/mallorca\/wp-content\/uploads\/ECEBCDCC-739E-4FC8-96E0-2FA9B2241E4A.jpg\">\n\t\t\t<meta itemprop=\"width\" content=\"768\">\n\t\t\t<meta itemprop=\"height\" content=\"576\">\n\t\t<\/span>\n\t\t\t\t<meta itemscope itemprop=\"mainEntityOfPage\" itemtype=\"https:\/\/schema.org\/WebPage\" itemid=\"https:\/\/www.psib-psoe.org\/mallorca\/francina-armengol-el-23j-anam-a-salvar-la-memoria-democratica-els-drets-lgtbi-i-la-igualtat\/\">\n\t<\/aside>\n\t\t<\/article>\n<\/div>\n<div class=\"small-12 large-4 columns\">\n\t<article itemscope itemtype=\"http:\/\/schema.org\/Article\" class=\"post blog-style7 alt post-27660 type-post status-publish format-standard has-post-thumbnail hentry category-federacio-de-mallorca category-portada\" role=\"article\">\n\t\t<figure class=\"post-gallery\"><img loading=\"lazy\" decoding=\"async\" width=\"600\" height=\"400\" src=\"https:\/\/www.psib-psoe.org\/mallorca\/wp-content\/uploads\/PACTE-SENCELLES-600x400.jpeg\" class=\"attachment-notio-general-x2 size-notio-general-x2 wp-post-image\" alt=\"\" srcset=\"https:\/\/www.psib-psoe.org\/mallorca\/wp-content\/uploads\/PACTE-SENCELLES-600x400.jpeg 600w, https:\/\/www.psib-psoe.org\/mallorca\/wp-content\/uploads\/PACTE-SENCELLES-300x200.jpeg 300w, https:\/\/www.psib-psoe.org\/mallorca\/wp-content\/uploads\/PACTE-SENCELLES-900x600.jpeg 900w, https:\/\/www.psib-psoe.org\/mallorca\/wp-content\/uploads\/PACTE-SENCELLES-20x13.jpeg 20w\" sizes=\"(max-width: 600px) 100vw, 600px\" \/><\/figure>\n\t\t<div class=\"blog-top\">\n\t\t\t<header class=\"post-title entry-header\">\n\t\t\t\t<aside class=\"post-meta cf\">\n\t\t14\/06\/2023 \/ <a href=\"https:\/\/www.psib-psoe.org\/mallorca\/category\/federacio-de-mallorca\/\" rel=\"category tag\">Federaci\u00f3 de Mallorca<\/a>, <a href=\"https:\/\/www.psib-psoe.org\/mallorca\/category\/portada\/\" rel=\"category tag\">Portada<\/a><\/aside>\n\t\t\t\t<h3 itemprop=\"headline\"><a href=\"https:\/\/www.psib-psoe.org\/mallorca\/el-pi-volem-sencelles-i-psib-psoe-arriben-a-un-acord-de-govern-a-sencelles\/\" title=\"El Pi, Volem Sencelles i el PSIB-PSOE arriben a un acord de Govern a Sencelles\">El Pi, Volem Sencelles i el PSIB-PSOE arriben a un acord de Govern a Sencelles<\/a><\/h3>\n\t\t\t<\/header>\n\t\t<\/div>\n\t\t<div class=\"post-content\">\n\t\t\t<a href=\"https:\/\/www.psib-psoe.org\/mallorca\/el-pi-volem-sencelles-i-psib-psoe-arriben-a-un-acord-de-govern-a-sencelles\/\" class=\"more-link\">Read More<\/a>\n\t\t<\/div>\n\t\t\t<aside class=\"post-bottom-meta hide\">\n\t\t<strong rel=\"author\" itemprop=\"author\" class=\"author vcard\"><span class=\"fn\">Albert<\/span><\/strong>\n\t\t<time class=\"date published time\" datetime=\"2023-06-14T10:38:13+02:00\" itemprop=\"datePublished\" content=\"2023-06-14T10:38:13+02:00\">14\/06\/2023<\/time>\n\t\t<meta itemprop=\"dateModified\" class=\"date updated\" content=\"2023-06-14T10:38:13+02:00\">\n\t\t<span class=\"hide\" itemprop=\"publisher\" itemscope itemtype=\"https:\/\/schema.org\/Organization\">\n\t\t\t<meta itemprop=\"name\" content=\"SocialistesdMca\">\n\t\t\t<span itemprop=\"logo\" itemscope itemtype=\"https:\/\/schema.org\/ImageObject\">\n\t\t\t\t<meta itemprop=\"url\" content=\"https:\/\/www.psib-psoe.org\/mallorca\/wp-content\/themes\/notio-wp\/assets\/img\/logo.png\">\n\t\t\t<\/span>\n\t\t\t<meta itemprop=\"url\" content=\"https:\/\/www.psib-psoe.org\/mallorca\/\">\n\t\t<\/span>\n\t\t\t\t<span class=\"hide\" itemprop=\"image\" itemscope itemtype=\"http:\/\/schema.org\/ImageObject\">\n\t\t\t<meta itemprop=\"url\" content=\"https:\/\/www.psib-psoe.org\/mallorca\/wp-content\/uploads\/PACTE-SENCELLES.jpeg\">\n\t\t\t<meta itemprop=\"width\" content=\"1024\">\n\t\t\t<meta itemprop=\"height\" content=\"768\">\n\t\t<\/span>\n\t\t\t\t<meta itemscope itemprop=\"mainEntityOfPage\" itemtype=\"https:\/\/schema.org\/WebPage\" itemid=\"https:\/\/www.psib-psoe.org\/mallorca\/el-pi-volem-sencelles-i-psib-psoe-arriben-a-un-acord-de-govern-a-sencelles\/\">\n\t<\/aside>\n\t\t<\/article>\n<\/div>\n<div class=\"small-12 large-4 columns\">\n\t<article itemscope itemtype=\"http:\/\/schema.org\/Article\" class=\"post blog-style7 alt post-27658 type-post status-publish format-standard has-post-thumbnail hentry category-federacio-de-mallorca category-portada\" role=\"article\">\n\t\t<figure class=\"post-gallery\"><img loading=\"lazy\" decoding=\"async\" width=\"600\" height=\"400\" src=\"https:\/\/www.psib-psoe.org\/mallorca\/wp-content\/uploads\/290423-Candidatura-Capdepera-2-600x400.jpg\" class=\"attachment-notio-general-x2 size-notio-general-x2 wp-post-image\" alt=\"\" srcset=\"https:\/\/www.psib-psoe.org\/mallorca\/wp-content\/uploads\/290423-Candidatura-Capdepera-2-600x400.jpg 600w, https:\/\/www.psib-psoe.org\/mallorca\/wp-content\/uploads\/290423-Candidatura-Capdepera-2-300x200.jpg 300w, https:\/\/www.psib-psoe.org\/mallorca\/wp-content\/uploads\/290423-Candidatura-Capdepera-2-768x512.jpg 768w, https:\/\/www.psib-psoe.org\/mallorca\/wp-content\/uploads\/290423-Candidatura-Capdepera-2-1024x683.jpg 1024w, https:\/\/www.psib-psoe.org\/mallorca\/wp-content\/uploads\/290423-Candidatura-Capdepera-2-150x100.jpg 150w, https:\/\/www.psib-psoe.org\/mallorca\/wp-content\/uploads\/290423-Candidatura-Capdepera-2-900x600.jpg 900w, https:\/\/www.psib-psoe.org\/mallorca\/wp-content\/uploads\/290423-Candidatura-Capdepera-2-20x13.jpg 20w\" sizes=\"(max-width: 600px) 100vw, 600px\" \/><\/figure>\n\t\t<div class=\"blog-top\">\n\t\t\t<header class=\"post-title entry-header\">\n\t\t\t\t<aside class=\"post-meta cf\">\n\t\t13\/06\/2023 \/ <a href=\"https:\/\/www.psib-psoe.org\/mallorca\/category\/federacio-de-mallorca\/\" rel=\"category tag\">Federaci\u00f3 de Mallorca<\/a>, <a href=\"https:\/\/www.psib-psoe.org\/mallorca\/category\/portada\/\" rel=\"category tag\">Portada<\/a><\/aside>\n\t\t\t\t<h3 itemprop=\"headline\"><a href=\"https:\/\/www.psib-psoe.org\/mallorca\/la-federacio-socialista-de-mallorca-aposta-per-un-govern-esquerres-a-capdepera-manifestant-el-maxim-suport-al-candidat-rafel-fernandez\/\" title=\"La Federaci\u00f3 Socialista de Mallorca aposta per un govern d\u2019esquerres a Capdepera manifestant el m\u00e0xim suport al candidat i batle Rafel Fern\u00e1ndez \u2018que no far\u00e0 cap passa al costat\u2019\">La Federaci\u00f3 Socialista de Mallorca aposta per un govern d\u2019esquerres a Capdepera manifestant el m\u00e0xim suport al candidat i batle Rafel Fern\u00e1ndez \u2018que no far\u00e0 cap passa al costat\u2019<\/a><\/h3>\n\t\t\t<\/header>\n\t\t<\/div>\n\t\t<div class=\"post-content\">\n\t\t\t<a href=\"https:\/\/www.psib-psoe.org\/mallorca\/la-federacio-socialista-de-mallorca-aposta-per-un-govern-esquerres-a-capdepera-manifestant-el-maxim-suport-al-candidat-rafel-fernandez\/\" class=\"more-link\">Read More<\/a>\n\t\t<\/div>\n\t\t\t<aside class=\"post-bottom-meta hide\">\n\t\t<strong rel=\"author\" itemprop=\"author\" class=\"author vcard\"><span class=\"fn\">Albert<\/span><\/strong>\n\t\t<time class=\"date published time\" datetime=\"2023-06-13T08:58:11+02:00\" itemprop=\"datePublished\" content=\"2023-06-13T08:58:11+02:00\">13\/06\/2023<\/time>\n\t\t<meta itemprop=\"dateModified\" class=\"date updated\" content=\"2023-06-13T08:58:11+02:00\">\n\t\t<span class=\"hide\" itemprop=\"publisher\" itemscope itemtype=\"https:\/\/schema.org\/Organization\">\n\t\t\t<meta itemprop=\"name\" content=\"SocialistesdMca\">\n\t\t\t<span itemprop=\"logo\" itemscope itemtype=\"https:\/\/schema.org\/ImageObject\">\n\t\t\t\t<meta itemprop=\"url\" content=\"https:\/\/www.psib-psoe.org\/mallorca\/wp-content\/themes\/notio-wp\/assets\/img\/logo.png\">\n\t\t\t<\/span>\n\t\t\t<meta itemprop=\"url\" content=\"https:\/\/www.psib-psoe.org\/mallorca\/\">\n\t\t<\/span>\n\t\t\t\t<span class=\"hide\" itemprop=\"image\" itemscope itemtype=\"http:\/\/schema.org\/ImageObject\">\n\t\t\t<meta itemprop=\"url\" content=\"https:\/\/www.psib-psoe.org\/mallorca\/wp-content\/uploads\/290423-Candidatura-Capdepera-2.jpg\">\n\t\t\t<meta itemprop=\"width\" content=\"6000\">\n\t\t\t<meta itemprop=\"height\" content=\"4000\">\n\t\t<\/span>\n\t\t\t\t<meta itemscope itemprop=\"mainEntityOfPage\" itemtype=\"https:\/\/schema.org\/WebPage\" itemid=\"https:\/\/www.psib-psoe.org\/mallorca\/la-federacio-socialista-de-mallorca-aposta-per-un-govern-esquerres-a-capdepera-manifestant-el-maxim-suport-al-candidat-rafel-fernandez\/\">\n\t<\/aside>\n\t\t<\/article>\n<\/div>\n<div class=\"small-12 large-4 columns\">\n\t<article itemscope itemtype=\"http:\/\/schema.org\/Article\" class=\"post blog-style7 alt post-27655 type-post status-publish format-standard has-post-thumbnail hentry category-federacio-de-mallorca category-portada\" role=\"article\">\n\t\t<figure class=\"post-gallery\"><img loading=\"lazy\" decoding=\"async\" width=\"600\" height=\"400\" src=\"https:\/\/www.psib-psoe.org\/mallorca\/wp-content\/uploads\/290423-Candidatura-Capdepera-2-600x400.jpg\" class=\"attachment-notio-general-x2 size-notio-general-x2 wp-post-image\" alt=\"\" srcset=\"https:\/\/www.psib-psoe.org\/mallorca\/wp-content\/uploads\/290423-Candidatura-Capdepera-2-600x400.jpg 600w, https:\/\/www.psib-psoe.org\/mallorca\/wp-content\/uploads\/290423-Candidatura-Capdepera-2-300x200.jpg 300w, https:\/\/www.psib-psoe.org\/mallorca\/wp-content\/uploads\/290423-Candidatura-Capdepera-2-768x512.jpg 768w, https:\/\/www.psib-psoe.org\/mallorca\/wp-content\/uploads\/290423-Candidatura-Capdepera-2-1024x683.jpg 1024w, https:\/\/www.psib-psoe.org\/mallorca\/wp-content\/uploads\/290423-Candidatura-Capdepera-2-150x100.jpg 150w, https:\/\/www.psib-psoe.org\/mallorca\/wp-content\/uploads\/290423-Candidatura-Capdepera-2-900x600.jpg 900w, https:\/\/www.psib-psoe.org\/mallorca\/wp-content\/uploads\/290423-Candidatura-Capdepera-2-20x13.jpg 20w\" sizes=\"(max-width: 600px) 100vw, 600px\" \/><\/figure>\n\t\t<div class=\"blog-top\">\n\t\t\t<header class=\"post-title entry-header\">\n\t\t\t\t<aside class=\"post-meta cf\">\n\t\t10\/06\/2023 \/ <a href=\"https:\/\/www.psib-psoe.org\/mallorca\/category\/federacio-de-mallorca\/\" rel=\"category tag\">Federaci\u00f3 de Mallorca<\/a>, <a href=\"https:\/\/www.psib-psoe.org\/mallorca\/category\/portada\/\" rel=\"category tag\">Portada<\/a><\/aside>\n\t\t\t\t<h3 itemprop=\"headline\"><a href=\"https:\/\/www.psib-psoe.org\/mallorca\/els-socialistes-de-capdepera-i-cala-rajada-mostren-la-seva-disposicio-a-assolir-un-acord-amb-mes-per-capdepera-perque-lesquerra-continui-governant-al-municipi\/\" title=\"Els Socialistes de Capdepera i Cala Rajada mostren la seva disposici\u00f3 a assolir un acord amb M\u00e9s per Capdepera perqu\u00e8 l\u2019esquerra continu\u00ef governant al municipi\">Els Socialistes de Capdepera i Cala Rajada mostren la seva disposici\u00f3 a assolir un acord amb M\u00e9s per Capdepera perqu\u00e8 l\u2019esquerra continu\u00ef governant al municipi<\/a><\/h3>\n\t\t\t<\/header>\n\t\t<\/div>\n\t\t<div class=\"post-content\">\n\t\t\t<a href=\"https:\/\/www.psib-psoe.org\/mallorca\/els-socialistes-de-capdepera-i-cala-rajada-mostren-la-seva-disposicio-a-assolir-un-acord-amb-mes-per-capdepera-perque-lesquerra-continui-governant-al-municipi\/\" class=\"more-link\">Read More<\/a>\n\t\t<\/div>\n\t\t\t<aside class=\"post-bottom-meta hide\">\n\t\t<strong rel=\"author\" itemprop=\"author\" class=\"author vcard\"><span class=\"fn\">Marc<\/span><\/strong>\n\t\t<time class=\"date published time\" datetime=\"2023-06-10T12:10:07+02:00\" itemprop=\"datePublished\" content=\"2023-06-10T12:10:07+02:00\">10\/06\/2023<\/time>\n\t\t<meta itemprop=\"dateModified\" class=\"date updated\" content=\"2023-06-10T12:10:07+02:00\">\n\t\t<span class=\"hide\" itemprop=\"publisher\" itemscope itemtype=\"https:\/\/schema.org\/Organization\">\n\t\t\t<meta itemprop=\"name\" content=\"SocialistesdMca\">\n\t\t\t<span itemprop=\"logo\" itemscope itemtype=\"https:\/\/schema.org\/ImageObject\">\n\t\t\t\t<meta itemprop=\"url\" content=\"https:\/\/www.psib-psoe.org\/mallorca\/wp-content\/themes\/notio-wp\/assets\/img\/logo.png\">\n\t\t\t<\/span>\n\t\t\t<meta itemprop=\"url\" content=\"https:\/\/www.psib-psoe.org\/mallorca\/\">\n\t\t<\/span>\n\t\t\t\t<span class=\"hide\" itemprop=\"image\" itemscope itemtype=\"http:\/\/schema.org\/ImageObject\">\n\t\t\t<meta itemprop=\"url\" content=\"https:\/\/www.psib-psoe.org\/mallorca\/wp-content\/uploads\/290423-Candidatura-Capdepera-2.jpg\">\n\t\t\t<meta itemprop=\"width\" content=\"6000\">\n\t\t\t<meta itemprop=\"height\" content=\"4000\">\n\t\t<\/span>\n\t\t\t\t<meta itemscope itemprop=\"mainEntityOfPage\" itemtype=\"https:\/\/schema.org\/WebPage\" itemid=\"https:\/\/www.psib-psoe.org\/mallorca\/els-socialistes-de-capdepera-i-cala-rajada-mostren-la-seva-disposicio-a-assolir-un-acord-amb-mes-per-capdepera-perque-lesquerra-continui-governant-al-municipi\/\">\n\t<\/aside>\n\t\t<\/article>\n<\/div>\n<div class=\"small-12 large-4 columns\">\n\t<article itemscope itemtype=\"http:\/\/schema.org\/Article\" class=\"post blog-style7 alt post-27645 type-post status-publish format-standard has-post-thumbnail hentry category-federacio-de-mallorca category-municipis category-portada tag-catalina-cladera tag-eleccions-2023 tag-gori-estarellas tag-valldemossa\" role=\"article\">\n\t\t<figure class=\"post-gallery\"><img loading=\"lazy\" decoding=\"async\" width=\"600\" height=\"400\" src=\"https:\/\/www.psib-psoe.org\/mallorca\/wp-content\/uploads\/20230526_ACTE-FINAL-VALLDEMOSSA-600x400.jpeg\" class=\"attachment-notio-general-x2 size-notio-general-x2 wp-post-image\" alt=\"\" srcset=\"https:\/\/www.psib-psoe.org\/mallorca\/wp-content\/uploads\/20230526_ACTE-FINAL-VALLDEMOSSA-600x400.jpeg 600w, https:\/\/www.psib-psoe.org\/mallorca\/wp-content\/uploads\/20230526_ACTE-FINAL-VALLDEMOSSA-300x200.jpeg 300w, https:\/\/www.psib-psoe.org\/mallorca\/wp-content\/uploads\/20230526_ACTE-FINAL-VALLDEMOSSA-900x600.jpeg 900w, https:\/\/www.psib-psoe.org\/mallorca\/wp-content\/uploads\/20230526_ACTE-FINAL-VALLDEMOSSA-20x13.jpeg 20w\" sizes=\"(max-width: 600px) 100vw, 600px\" \/><\/figure>\n\t\t<div class=\"blog-top\">\n\t\t\t<header class=\"post-title entry-header\">\n\t\t\t\t<aside class=\"post-meta cf\">\n\t\t25\/05\/2023 \/ <a href=\"https:\/\/www.psib-psoe.org\/mallorca\/category\/federacio-de-mallorca\/\" rel=\"category tag\">Federaci\u00f3 de Mallorca<\/a>, <a href=\"https:\/\/www.psib-psoe.org\/mallorca\/category\/municipis\/\" rel=\"category tag\">Municipis<\/a>, <a href=\"https:\/\/www.psib-psoe.org\/mallorca\/category\/portada\/\" rel=\"category tag\">Portada<\/a><\/aside>\n\t\t\t\t<h3 itemprop=\"headline\"><a href=\"https:\/\/www.psib-psoe.org\/mallorca\/cladera-es-molt-important-votar-aquest-diumenge-per-poder-decidir-el-nostre-futur-i-decidir-sobre-tot-allo-que-afecta-la-nostra-vida\/\" title=\"Cladera: \u201c\u00c9s molt important votar aquest diumenge per poder decidir el nostre futur i decidir sobre tot all\u00f2 que afecta la nostra vida\u201d\">Cladera: \u201c\u00c9s molt important votar aquest diumenge per poder decidir el nostre futur i decidir sobre tot all\u00f2 que afecta la nostra vida\u201d<\/a><\/h3>\n\t\t\t<\/header>\n\t\t<\/div>\n\t\t<div class=\"post-content\">\n\t\t\t<a href=\"https:\/\/www.psib-psoe.org\/mallorca\/cladera-es-molt-important-votar-aquest-diumenge-per-poder-decidir-el-nostre-futur-i-decidir-sobre-tot-allo-que-afecta-la-nostra-vida\/\" class=\"more-link\">Read More<\/a>\n\t\t<\/div>\n\t\t\t<aside class=\"post-bottom-meta hide\">\n\t\t<strong rel=\"author\" itemprop=\"author\" class=\"author vcard\"><span class=\"fn\">Albert<\/span><\/strong>\n\t\t<time class=\"date published time\" datetime=\"2023-05-25T21:44:10+02:00\" itemprop=\"datePublished\" content=\"2023-05-25T21:44:10+02:00\">25\/05\/2023<\/time>\n\t\t<meta itemprop=\"dateModified\" class=\"date updated\" content=\"2023-05-25T21:44:10+02:00\">\n\t\t<span class=\"hide\" itemprop=\"publisher\" itemscope itemtype=\"https:\/\/schema.org\/Organization\">\n\t\t\t<meta itemprop=\"name\" content=\"SocialistesdMca\">\n\t\t\t<span itemprop=\"logo\" itemscope itemtype=\"https:\/\/schema.org\/ImageObject\">\n\t\t\t\t<meta itemprop=\"url\" content=\"https:\/\/www.psib-psoe.org\/mallorca\/wp-content\/themes\/notio-wp\/assets\/img\/logo.png\">\n\t\t\t<\/span>\n\t\t\t<meta itemprop=\"url\" content=\"https:\/\/www.psib-psoe.org\/mallorca\/\">\n\t\t<\/span>\n\t\t\t\t<span class=\"hide\" itemprop=\"image\" itemscope itemtype=\"http:\/\/schema.org\/ImageObject\">\n\t\t\t<meta itemprop=\"url\" content=\"https:\/\/www.psib-psoe.org\/mallorca\/wp-content\/uploads\/20230526_ACTE-FINAL-VALLDEMOSSA.jpeg\">\n\t\t\t<meta itemprop=\"width\" content=\"2048\">\n\t\t\t<meta itemprop=\"height\" content=\"1536\">\n\t\t<\/span>\n\t\t\t\t<meta itemscope itemprop=\"mainEntityOfPage\" itemtype=\"https:\/\/schema.org\/WebPage\" itemid=\"https:\/\/www.psib-psoe.org\/mallorca\/cladera-es-molt-important-votar-aquest-diumenge-per-poder-decidir-el-nostre-futur-i-decidir-sobre-tot-allo-que-afecta-la-nostra-vida\/\">\n\t<\/aside>\n\t\t<\/article>\n<\/div>\n<div class=\"small-12 large-4 columns\">\n\t<article itemscope itemtype=\"http:\/\/schema.org\/Article\" class=\"post blog-style7 alt post-27591 type-post status-publish format-standard has-post-thumbnail hentry category-federacio-de-mallorca category-portada tag-catalina-cladera tag-felanitx tag-xisco-duarte\" role=\"article\">\n\t\t<figure class=\"post-gallery\"><img loading=\"lazy\" decoding=\"async\" width=\"600\" height=\"400\" src=\"https:\/\/www.psib-psoe.org\/mallorca\/wp-content\/uploads\/CANDIDATURA-FELANITX-600x400.jpeg\" class=\"attachment-notio-general-x2 size-notio-general-x2 wp-post-image\" alt=\"\" srcset=\"https:\/\/www.psib-psoe.org\/mallorca\/wp-content\/uploads\/CANDIDATURA-FELANITX-600x400.jpeg 600w, https:\/\/www.psib-psoe.org\/mallorca\/wp-content\/uploads\/CANDIDATURA-FELANITX-300x200.jpeg 300w, https:\/\/www.psib-psoe.org\/mallorca\/wp-content\/uploads\/CANDIDATURA-FELANITX-900x600.jpeg 900w, https:\/\/www.psib-psoe.org\/mallorca\/wp-content\/uploads\/CANDIDATURA-FELANITX-20x13.jpeg 20w\" sizes=\"(max-width: 600px) 100vw, 600px\" \/><\/figure>\n\t\t<div class=\"blog-top\">\n\t\t\t<header class=\"post-title entry-header\">\n\t\t\t\t<aside class=\"post-meta cf\">\n\t\t11\/05\/2023 \/ <a href=\"https:\/\/www.psib-psoe.org\/mallorca\/category\/federacio-de-mallorca\/\" rel=\"category tag\">Federaci\u00f3 de Mallorca<\/a>, <a href=\"https:\/\/www.psib-psoe.org\/mallorca\/category\/portada\/\" rel=\"category tag\">Portada<\/a><\/aside>\n\t\t\t\t<h3 itemprop=\"headline\"><a href=\"https:\/\/www.psib-psoe.org\/mallorca\/catalina-cladera-xisco-duarte-es-un-home-valent-que-no-sha-fet-enrere-i-es-torna-a-presentar-a-la-batlia-de-felanitx-amb-una-gran-candidatura\/\" title=\"Catalina Cladera: &#8220;Xisco Duarte \u00e9s un home valent que no s&#8217;ha fet enrere i es torna a presentar a la batlia de Felanitx amb una gran candidatura\u201d\">Catalina Cladera: &#8220;Xisco Duarte \u00e9s un home valent que no s&#8217;ha fet enrere i es torna a presentar a la batlia de Felanitx amb una gran candidatura\u201d<\/a><\/h3>\n\t\t\t<\/header>\n\t\t<\/div>\n\t\t<div class=\"post-content\">\n\t\t\t<a href=\"https:\/\/www.psib-psoe.org\/mallorca\/catalina-cladera-xisco-duarte-es-un-home-valent-que-no-sha-fet-enrere-i-es-torna-a-presentar-a-la-batlia-de-felanitx-amb-una-gran-candidatura\/\" class=\"more-link\">Read More<\/a>\n\t\t<\/div>\n\t\t\t<aside class=\"post-bottom-meta hide\">\n\t\t<strong rel=\"author\" itemprop=\"author\" class=\"author vcard\"><span class=\"fn\">Marc<\/span><\/strong>\n\t\t<time class=\"date published time\" datetime=\"2023-05-11T12:08:10+02:00\" itemprop=\"datePublished\" content=\"2023-05-11T12:08:10+02:00\">11\/05\/2023<\/time>\n\t\t<meta itemprop=\"dateModified\" class=\"date updated\" content=\"2023-05-11T12:08:10+02:00\">\n\t\t<span class=\"hide\" itemprop=\"publisher\" itemscope itemtype=\"https:\/\/schema.org\/Organization\">\n\t\t\t<meta itemprop=\"name\" content=\"SocialistesdMca\">\n\t\t\t<span itemprop=\"logo\" itemscope itemtype=\"https:\/\/schema.org\/ImageObject\">\n\t\t\t\t<meta itemprop=\"url\" content=\"https:\/\/www.psib-psoe.org\/mallorca\/wp-content\/themes\/notio-wp\/assets\/img\/logo.png\">\n\t\t\t<\/span>\n\t\t\t<meta itemprop=\"url\" content=\"https:\/\/www.psib-psoe.org\/mallorca\/\">\n\t\t<\/span>\n\t\t\t\t<span class=\"hide\" itemprop=\"image\" itemscope itemtype=\"http:\/\/schema.org\/ImageObject\">\n\t\t\t<meta itemprop=\"url\" content=\"https:\/\/www.psib-psoe.org\/mallorca\/wp-content\/uploads\/CANDIDATURA-FELANITX.jpeg\">\n\t\t\t<meta itemprop=\"width\" content=\"1600\">\n\t\t\t<meta itemprop=\"height\" content=\"1200\">\n\t\t<\/span>\n\t\t\t\t<meta itemscope itemprop=\"mainEntityOfPage\" itemtype=\"https:\/\/schema.org\/WebPage\" itemid=\"https:\/\/www.psib-psoe.org\/mallorca\/catalina-cladera-xisco-duarte-es-un-home-valent-que-no-sha-fet-enrere-i-es-torna-a-presentar-a-la-batlia-de-felanitx-amb-una-gran-candidatura\/\">\n\t<\/aside>\n\t\t<\/article>\n<\/div>\n<div class=\"small-12 large-4 columns\">\n\t<article itemscope itemtype=\"http:\/\/schema.org\/Article\" class=\"post blog-style7 alt post-27564 type-post status-publish format-standard has-post-thumbnail hentry category-federacio-de-mallorca tag-federacio-socialista-de-mallorca\" role=\"article\">\n\t\t<figure class=\"post-gallery\"><img loading=\"lazy\" decoding=\"async\" width=\"600\" height=\"400\" src=\"https:\/\/www.psib-psoe.org\/mallorca\/wp-content\/uploads\/060523-Candidatura-Santa-Margalida-2-1-scaled-600x400.jpg\" class=\"attachment-notio-general-x2 size-notio-general-x2 wp-post-image\" alt=\"\" srcset=\"https:\/\/www.psib-psoe.org\/mallorca\/wp-content\/uploads\/060523-Candidatura-Santa-Margalida-2-1-scaled-600x400.jpg 600w, https:\/\/www.psib-psoe.org\/mallorca\/wp-content\/uploads\/060523-Candidatura-Santa-Margalida-2-1-scaled-300x200.jpg 300w, https:\/\/www.psib-psoe.org\/mallorca\/wp-content\/uploads\/060523-Candidatura-Santa-Margalida-2-1-scaled-768x512.jpg 768w, https:\/\/www.psib-psoe.org\/mallorca\/wp-content\/uploads\/060523-Candidatura-Santa-Margalida-2-1-scaled-1024x683.jpg 1024w, https:\/\/www.psib-psoe.org\/mallorca\/wp-content\/uploads\/060523-Candidatura-Santa-Margalida-2-1-scaled-150x100.jpg 150w, https:\/\/www.psib-psoe.org\/mallorca\/wp-content\/uploads\/060523-Candidatura-Santa-Margalida-2-1-scaled-900x600.jpg 900w, https:\/\/www.psib-psoe.org\/mallorca\/wp-content\/uploads\/060523-Candidatura-Santa-Margalida-2-1-scaled-20x13.jpg 20w\" sizes=\"(max-width: 600px) 100vw, 600px\" \/><\/figure>\n\t\t<div class=\"blog-top\">\n\t\t\t<header class=\"post-title entry-header\">\n\t\t\t\t<aside class=\"post-meta cf\">\n\t\t06\/05\/2023 \/ <a href=\"https:\/\/www.psib-psoe.org\/mallorca\/category\/federacio-de-mallorca\/\" rel=\"category tag\">Federaci\u00f3 de Mallorca<\/a><\/aside>\n\t\t\t\t<h3 itemprop=\"headline\"><a href=\"https:\/\/www.psib-psoe.org\/mallorca\/armengol-els-socialistes-ens-deixarem-la-pell-perque-a-balears-es-reparteixi-be-la-riquesa-i-no-es-quedi-en-la-butxaca-duns-quants\/\" title=\"Armengol: \u201cEls socialistes ens deixarem la pell perqu\u00e8 a Balears es reparteixi b\u00e9 la riquesa i no es quedi en la butxaca d\u2019uns quants\u201d\">Armengol: \u201cEls socialistes ens deixarem la pell perqu\u00e8 a Balears es reparteixi b\u00e9 la riquesa i no es quedi en la butxaca d\u2019uns quants\u201d<\/a><\/h3>\n\t\t\t<\/header>\n\t\t<\/div>\n\t\t<div class=\"post-content\">\n\t\t\t<a href=\"https:\/\/www.psib-psoe.org\/mallorca\/armengol-els-socialistes-ens-deixarem-la-pell-perque-a-balears-es-reparteixi-be-la-riquesa-i-no-es-quedi-en-la-butxaca-duns-quants\/\" class=\"more-link\">Read More<\/a>\n\t\t<\/div>\n\t\t\t<aside class=\"post-bottom-meta hide\">\n\t\t<strong rel=\"author\" itemprop=\"author\" class=\"author vcard\"><span class=\"fn\">adminpsib<\/span><\/strong>\n\t\t<time class=\"date published time\" datetime=\"2023-05-06T16:18:19+02:00\" itemprop=\"datePublished\" content=\"2023-05-06T16:18:19+02:00\">06\/05\/2023<\/time>\n\t\t<meta itemprop=\"dateModified\" class=\"date updated\" content=\"2023-05-06T16:18:19+02:00\">\n\t\t<span class=\"hide\" itemprop=\"publisher\" itemscope itemtype=\"https:\/\/schema.org\/Organization\">\n\t\t\t<meta itemprop=\"name\" content=\"SocialistesdMca\">\n\t\t\t<span itemprop=\"logo\" itemscope itemtype=\"https:\/\/schema.org\/ImageObject\">\n\t\t\t\t<meta itemprop=\"url\" content=\"https:\/\/www.psib-psoe.org\/mallorca\/wp-content\/themes\/notio-wp\/assets\/img\/logo.png\">\n\t\t\t<\/span>\n\t\t\t<meta itemprop=\"url\" content=\"https:\/\/www.psib-psoe.org\/mallorca\/\">\n\t\t<\/span>\n\t\t\t\t<span class=\"hide\" itemprop=\"image\" itemscope itemtype=\"http:\/\/schema.org\/ImageObject\">\n\t\t\t<meta itemprop=\"url\" content=\"https:\/\/www.psib-psoe.org\/mallorca\/wp-content\/uploads\/060523-Candidatura-Santa-Margalida-2-1-scaled.jpg\">\n\t\t\t<meta itemprop=\"width\" content=\"2560\">\n\t\t\t<meta itemprop=\"height\" content=\"1707\">\n\t\t<\/span>\n\t\t\t\t<meta itemscope itemprop=\"mainEntityOfPage\" itemtype=\"https:\/\/schema.org\/WebPage\" itemid=\"https:\/\/www.psib-psoe.org\/mallorca\/armengol-els-socialistes-ens-deixarem-la-pell-perque-a-balears-es-reparteixi-be-la-riquesa-i-no-es-quedi-en-la-butxaca-duns-quants\/\">\n\t<\/aside>\n\t\t<\/article>\n<\/div>\n<div class=\"small-12 large-4 columns\">\n\t<article itemscope itemtype=\"http:\/\/schema.org\/Article\" class=\"post blog-style7 alt post-27555 type-post status-publish format-standard has-post-thumbnail hentry category-consell-de-mallorca category-federacio-de-mallorca category-municipis category-portada tag-catalina-cladera tag-mallorca tag-marratxi tag-miquel-cabot tag-psib-psoe\" role=\"article\">\n\t\t<figure class=\"post-gallery\"><img loading=\"lazy\" decoding=\"async\" width=\"600\" height=\"400\" src=\"https:\/\/www.psib-psoe.org\/mallorca\/wp-content\/uploads\/040523-ANUNCI-EQUIPAMENTS-ESPORTIUS-MARRATXI\u0301-600x400.jpg\" class=\"attachment-notio-general-x2 size-notio-general-x2 wp-post-image\" alt=\"\" srcset=\"https:\/\/www.psib-psoe.org\/mallorca\/wp-content\/uploads\/040523-ANUNCI-EQUIPAMENTS-ESPORTIUS-MARRATXI\u0301-600x400.jpg 600w, https:\/\/www.psib-psoe.org\/mallorca\/wp-content\/uploads\/040523-ANUNCI-EQUIPAMENTS-ESPORTIUS-MARRATXI\u0301-300x200.jpg 300w, https:\/\/www.psib-psoe.org\/mallorca\/wp-content\/uploads\/040523-ANUNCI-EQUIPAMENTS-ESPORTIUS-MARRATXI\u0301-768x512.jpg 768w, https:\/\/www.psib-psoe.org\/mallorca\/wp-content\/uploads\/040523-ANUNCI-EQUIPAMENTS-ESPORTIUS-MARRATXI\u0301-1024x683.jpg 1024w, https:\/\/www.psib-psoe.org\/mallorca\/wp-content\/uploads\/040523-ANUNCI-EQUIPAMENTS-ESPORTIUS-MARRATXI\u0301-150x100.jpg 150w, https:\/\/www.psib-psoe.org\/mallorca\/wp-content\/uploads\/040523-ANUNCI-EQUIPAMENTS-ESPORTIUS-MARRATXI\u0301-900x600.jpg 900w, https:\/\/www.psib-psoe.org\/mallorca\/wp-content\/uploads\/040523-ANUNCI-EQUIPAMENTS-ESPORTIUS-MARRATXI\u0301-20x13.jpg 20w\" sizes=\"(max-width: 600px) 100vw, 600px\" \/><\/figure>\n\t\t<div class=\"blog-top\">\n\t\t\t<header class=\"post-title entry-header\">\n\t\t\t\t<aside class=\"post-meta cf\">\n\t\t04\/05\/2023 \/ <a href=\"https:\/\/www.psib-psoe.org\/mallorca\/category\/consell-de-mallorca\/\" rel=\"category tag\">Consell de Mallorca<\/a>, <a href=\"https:\/\/www.psib-psoe.org\/mallorca\/category\/federacio-de-mallorca\/\" rel=\"category tag\">Federaci\u00f3 de Mallorca<\/a>, <a href=\"https:\/\/www.psib-psoe.org\/mallorca\/category\/municipis\/\" rel=\"category tag\">Municipis<\/a>, <a href=\"https:\/\/www.psib-psoe.org\/mallorca\/category\/portada\/\" rel=\"category tag\">Portada<\/a><\/aside>\n\t\t\t\t<h3 itemprop=\"headline\"><a href=\"https:\/\/www.psib-psoe.org\/mallorca\/els-socialistes-de-mallorca-construiran-un-nou-pavello-esportiu-a-marratxi-per-donar-resposta-a-les-necessitats-del-municipi\/\" title=\"Els socialistes de Mallorca construiran un nou pavell\u00f3 esportiu a Marratx\u00ed per donar resposta a les necessitats del municipi\">Els socialistes de Mallorca construiran un nou pavell\u00f3 esportiu a Marratx\u00ed per donar resposta a les necessitats del municipi<\/a><\/h3>\n\t\t\t<\/header>\n\t\t<\/div>\n\t\t<div class=\"post-content\">\n\t\t\t<a href=\"https:\/\/www.psib-psoe.org\/mallorca\/els-socialistes-de-mallorca-construiran-un-nou-pavello-esportiu-a-marratxi-per-donar-resposta-a-les-necessitats-del-municipi\/\" class=\"more-link\">Read More<\/a>\n\t\t<\/div>\n\t\t\t<aside class=\"post-bottom-meta hide\">\n\t\t<strong rel=\"author\" itemprop=\"author\" class=\"author vcard\"><span class=\"fn\">Socialistes de Mallorca<\/span><\/strong>\n\t\t<time class=\"date published time\" datetime=\"2023-05-04T13:08:15+02:00\" itemprop=\"datePublished\" content=\"2023-05-04T13:08:15+02:00\">04\/05\/2023<\/time>\n\t\t<meta itemprop=\"dateModified\" class=\"date updated\" content=\"2023-05-04T13:08:15+02:00\">\n\t\t<span class=\"hide\" itemprop=\"publisher\" itemscope itemtype=\"https:\/\/schema.org\/Organization\">\n\t\t\t<meta itemprop=\"name\" content=\"SocialistesdMca\">\n\t\t\t<span itemprop=\"logo\" itemscope itemtype=\"https:\/\/schema.org\/ImageObject\">\n\t\t\t\t<meta itemprop=\"url\" content=\"https:\/\/www.psib-psoe.org\/mallorca\/wp-content\/themes\/notio-wp\/assets\/img\/logo.png\">\n\t\t\t<\/span>\n\t\t\t<meta itemprop=\"url\" content=\"https:\/\/www.psib-psoe.org\/mallorca\/\">\n\t\t<\/span>\n\t\t\t\t<span class=\"hide\" itemprop=\"image\" itemscope itemtype=\"http:\/\/schema.org\/ImageObject\">\n\t\t\t<meta itemprop=\"url\" content=\"https:\/\/www.psib-psoe.org\/mallorca\/wp-content\/uploads\/040523-ANUNCI-EQUIPAMENTS-ESPORTIUS-MARRATXI\u0301.jpg\">\n\t\t\t<meta itemprop=\"width\" content=\"6000\">\n\t\t\t<meta itemprop=\"height\" content=\"4000\">\n\t\t<\/span>\n\t\t\t\t<meta itemscope itemprop=\"mainEntityOfPage\" itemtype=\"https:\/\/schema.org\/WebPage\" itemid=\"https:\/\/www.psib-psoe.org\/mallorca\/els-socialistes-de-mallorca-construiran-un-nou-pavello-esportiu-a-marratxi-per-donar-resposta-a-les-necessitats-del-municipi\/\">\n\t<\/aside>\n\t\t<\/article>\n<\/div>\n<div class=\"small-12 large-4 columns\">\n\t<article itemscope itemtype=\"http:\/\/schema.org\/Article\" class=\"post blog-style7 alt post-27551 type-post status-publish format-standard has-post-thumbnail hentry category-consell-de-mallorca category-federacio-de-mallorca category-portada tag-catalina-cladera tag-espai-dona tag-per-mallorca tag-psib-psoe\" role=\"article\">\n\t\t<figure class=\"post-gallery\"><img loading=\"lazy\" decoding=\"async\" width=\"600\" height=\"400\" src=\"https:\/\/www.psib-psoe.org\/mallorca\/wp-content\/uploads\/030523-Creaci\u00f3-Espai-Dona-600x400.jpg\" class=\"attachment-notio-general-x2 size-notio-general-x2 wp-post-image\" alt=\"\" srcset=\"https:\/\/www.psib-psoe.org\/mallorca\/wp-content\/uploads\/030523-Creaci\u00f3-Espai-Dona-600x400.jpg 600w, https:\/\/www.psib-psoe.org\/mallorca\/wp-content\/uploads\/030523-Creaci\u00f3-Espai-Dona-300x200.jpg 300w, https:\/\/www.psib-psoe.org\/mallorca\/wp-content\/uploads\/030523-Creaci\u00f3-Espai-Dona-900x600.jpg 900w, https:\/\/www.psib-psoe.org\/mallorca\/wp-content\/uploads\/030523-Creaci\u00f3-Espai-Dona-20x13.jpg 20w\" sizes=\"(max-width: 600px) 100vw, 600px\" \/><\/figure>\n\t\t<div class=\"blog-top\">\n\t\t\t<header class=\"post-title entry-header\">\n\t\t\t\t<aside class=\"post-meta cf\">\n\t\t03\/05\/2023 \/ <a href=\"https:\/\/www.psib-psoe.org\/mallorca\/category\/consell-de-mallorca\/\" rel=\"category tag\">Consell de Mallorca<\/a>, <a href=\"https:\/\/www.psib-psoe.org\/mallorca\/category\/federacio-de-mallorca\/\" rel=\"category tag\">Federaci\u00f3 de Mallorca<\/a>, <a href=\"https:\/\/www.psib-psoe.org\/mallorca\/category\/portada\/\" rel=\"category tag\">Portada<\/a><\/aside>\n\t\t\t\t<h3 itemprop=\"headline\"><a href=\"https:\/\/www.psib-psoe.org\/mallorca\/els-socialistes-de-mallorca-crearan-lespai-dona-al-centre-de-palma-per-convertir-lo-en-un-espai-de-referencia-en-politiques-digualtat\/\" title=\"Els socialistes de Mallorca crearan l\u2019Espai Dona al centre de Palma per convertir-lo en un espai de refer\u00e8ncia en pol\u00edtiques d\u2019igualtat\">Els socialistes de Mallorca crearan l\u2019Espai Dona al centre de Palma per convertir-lo en un espai de refer\u00e8ncia en pol\u00edtiques d\u2019igualtat<\/a><\/h3>\n\t\t\t<\/header>\n\t\t<\/div>\n\t\t<div class=\"post-content\">\n\t\t\t<a href=\"https:\/\/www.psib-psoe.org\/mallorca\/els-socialistes-de-mallorca-crearan-lespai-dona-al-centre-de-palma-per-convertir-lo-en-un-espai-de-referencia-en-politiques-digualtat\/\" class=\"more-link\">Read More<\/a>\n\t\t<\/div>\n\t\t\t<aside class=\"post-bottom-meta hide\">\n\t\t<strong rel=\"author\" itemprop=\"author\" class=\"author vcard\"><span class=\"fn\">Marc<\/span><\/strong>\n\t\t<time class=\"date published time\" datetime=\"2023-05-03T13:37:10+02:00\" itemprop=\"datePublished\" content=\"2023-05-03T13:37:10+02:00\">03\/05\/2023<\/time>\n\t\t<meta itemprop=\"dateModified\" class=\"date updated\" content=\"2023-05-03T13:40:18+02:00\">\n\t\t<span class=\"hide\" itemprop=\"publisher\" itemscope itemtype=\"https:\/\/schema.org\/Organization\">\n\t\t\t<meta itemprop=\"name\" content=\"SocialistesdMca\">\n\t\t\t<span itemprop=\"logo\" itemscope itemtype=\"https:\/\/schema.org\/ImageObject\">\n\t\t\t\t<meta itemprop=\"url\" content=\"https:\/\/www.psib-psoe.org\/mallorca\/wp-content\/themes\/notio-wp\/assets\/img\/logo.png\">\n\t\t\t<\/span>\n\t\t\t<meta itemprop=\"url\" content=\"https:\/\/www.psib-psoe.org\/mallorca\/\">\n\t\t<\/span>\n\t\t\t\t<span class=\"hide\" itemprop=\"image\" itemscope itemtype=\"http:\/\/schema.org\/ImageObject\">\n\t\t\t<meta itemprop=\"url\" content=\"https:\/\/www.psib-psoe.org\/mallorca\/wp-content\/uploads\/030523-Creaci\u00f3-Espai-Dona.jpg\">\n\t\t\t<meta itemprop=\"width\" content=\"3264\">\n\t\t\t<meta itemprop=\"height\" content=\"2448\">\n\t\t<\/span>\n\t\t\t\t<meta itemscope itemprop=\"mainEntityOfPage\" itemtype=\"https:\/\/schema.org\/WebPage\" itemid=\"https:\/\/www.psib-psoe.org\/mallorca\/els-socialistes-de-mallorca-crearan-lespai-dona-al-centre-de-palma-per-convertir-lo-en-un-espai-de-referencia-en-politiques-digualtat\/\">\n\t<\/aside>\n\t\t<\/article>\n<\/div>\n<div class=\"small-12 large-4 columns\">\n\t<article itemscope itemtype=\"http:\/\/schema.org\/Article\" class=\"post blog-style7 alt post-27547 type-post status-publish format-standard has-post-thumbnail hentry category-federacio-de-mallorca category-portada\" role=\"article\">\n\t\t<figure class=\"post-gallery\"><img loading=\"lazy\" decoding=\"async\" width=\"600\" height=\"400\" src=\"https:\/\/www.psib-psoe.org\/mallorca\/wp-content\/uploads\/CATALINA-CLADERA-I-JOSE-HILA-600x400.jpg\" class=\"attachment-notio-general-x2 size-notio-general-x2 wp-post-image\" alt=\"\" srcset=\"https:\/\/www.psib-psoe.org\/mallorca\/wp-content\/uploads\/CATALINA-CLADERA-I-JOSE-HILA-600x400.jpg 600w, https:\/\/www.psib-psoe.org\/mallorca\/wp-content\/uploads\/CATALINA-CLADERA-I-JOSE-HILA-300x200.jpg 300w, https:\/\/www.psib-psoe.org\/mallorca\/wp-content\/uploads\/CATALINA-CLADERA-I-JOSE-HILA-900x600.jpg 900w, https:\/\/www.psib-psoe.org\/mallorca\/wp-content\/uploads\/CATALINA-CLADERA-I-JOSE-HILA-20x13.jpg 20w\" sizes=\"(max-width: 600px) 100vw, 600px\" \/><\/figure>\n\t\t<div class=\"blog-top\">\n\t\t\t<header class=\"post-title entry-header\">\n\t\t\t\t<aside class=\"post-meta cf\">\n\t\t02\/05\/2023 \/ <a href=\"https:\/\/www.psib-psoe.org\/mallorca\/category\/federacio-de-mallorca\/\" rel=\"category tag\">Federaci\u00f3 de Mallorca<\/a>, <a href=\"https:\/\/www.psib-psoe.org\/mallorca\/category\/portada\/\" rel=\"category tag\">Portada<\/a><\/aside>\n\t\t\t\t<h3 itemprop=\"headline\"><a href=\"https:\/\/www.psib-psoe.org\/mallorca\/el-psib-psoe-anuncia-la-creacio-del-segon-bosc-public-de-ciutat-i-la-compra-de-la-finca-de-son-quint\/\" title=\"El PSIB-PSOE anuncia la creaci\u00f3 del segon bosc p\u00fablic de Ciutat i la compra de la Finca de Son Quint\">El PSIB-PSOE anuncia la creaci\u00f3 del segon bosc p\u00fablic de Ciutat i la compra de la Finca de Son Quint<\/a><\/h3>\n\t\t\t<\/header>\n\t\t<\/div>\n\t\t<div class=\"post-content\">\n\t\t\t<a href=\"https:\/\/www.psib-psoe.org\/mallorca\/el-psib-psoe-anuncia-la-creacio-del-segon-bosc-public-de-ciutat-i-la-compra-de-la-finca-de-son-quint\/\" class=\"more-link\">Read More<\/a>\n\t\t<\/div>\n\t\t\t<aside class=\"post-bottom-meta hide\">\n\t\t<strong rel=\"author\" itemprop=\"author\" class=\"author vcard\"><span class=\"fn\">Albert<\/span><\/strong>\n\t\t<time class=\"date published time\" datetime=\"2023-05-02T13:56:15+02:00\" itemprop=\"datePublished\" content=\"2023-05-02T13:56:15+02:00\">02\/05\/2023<\/time>\n\t\t<meta itemprop=\"dateModified\" class=\"date updated\" content=\"2023-05-02T13:56:15+02:00\">\n\t\t<span class=\"hide\" itemprop=\"publisher\" itemscope itemtype=\"https:\/\/schema.org\/Organization\">\n\t\t\t<meta itemprop=\"name\" content=\"SocialistesdMca\">\n\t\t\t<span itemprop=\"logo\" itemscope itemtype=\"https:\/\/schema.org\/ImageObject\">\n\t\t\t\t<meta itemprop=\"url\" content=\"https:\/\/www.psib-psoe.org\/mallorca\/wp-content\/themes\/notio-wp\/assets\/img\/logo.png\">\n\t\t\t<\/span>\n\t\t\t<meta itemprop=\"url\" content=\"https:\/\/www.psib-psoe.org\/mallorca\/\">\n\t\t<\/span>\n\t\t\t\t<span class=\"hide\" itemprop=\"image\" itemscope itemtype=\"http:\/\/schema.org\/ImageObject\">\n\t\t\t<meta itemprop=\"url\" content=\"https:\/\/www.psib-psoe.org\/mallorca\/wp-content\/uploads\/CATALINA-CLADERA-I-JOSE-HILA.jpg\">\n\t\t\t<meta itemprop=\"width\" content=\"4032\">\n\t\t\t<meta itemprop=\"height\" content=\"3024\">\n\t\t<\/span>\n\t\t\t\t<meta itemscope itemprop=\"mainEntityOfPage\" itemtype=\"https:\/\/schema.org\/WebPage\" itemid=\"https:\/\/www.psib-psoe.org\/mallorca\/el-psib-psoe-anuncia-la-creacio-del-segon-bosc-public-de-ciutat-i-la-compra-de-la-finca-de-son-quint\/\">\n\t<\/aside>\n\t\t<\/article>\n<\/div>\n<div class=\"small-12 large-4 columns\">\n\t<article itemscope itemtype=\"http:\/\/schema.org\/Article\" class=\"post blog-style7 alt post-27544 type-post status-publish format-standard has-post-thumbnail hentry category-federacio-de-mallorca category-portada\" role=\"article\">\n\t\t<figure class=\"post-gallery\"><img loading=\"lazy\" decoding=\"async\" width=\"600\" height=\"400\" src=\"https:\/\/www.psib-psoe.org\/mallorca\/wp-content\/uploads\/PRESENTACI\u00d3-CANDIDATURA-LLORET-DE-VISTALEGRE-600x400.jpg\" class=\"attachment-notio-general-x2 size-notio-general-x2 wp-post-image\" alt=\"\" srcset=\"https:\/\/www.psib-psoe.org\/mallorca\/wp-content\/uploads\/PRESENTACI\u00d3-CANDIDATURA-LLORET-DE-VISTALEGRE-600x400.jpg 600w, https:\/\/www.psib-psoe.org\/mallorca\/wp-content\/uploads\/PRESENTACI\u00d3-CANDIDATURA-LLORET-DE-VISTALEGRE-300x200.jpg 300w, https:\/\/www.psib-psoe.org\/mallorca\/wp-content\/uploads\/PRESENTACI\u00d3-CANDIDATURA-LLORET-DE-VISTALEGRE-900x600.jpg 900w, https:\/\/www.psib-psoe.org\/mallorca\/wp-content\/uploads\/PRESENTACI\u00d3-CANDIDATURA-LLORET-DE-VISTALEGRE-20x13.jpg 20w\" sizes=\"(max-width: 600px) 100vw, 600px\" \/><\/figure>\n\t\t<div class=\"blog-top\">\n\t\t\t<header class=\"post-title entry-header\">\n\t\t\t\t<aside class=\"post-meta cf\">\n\t\t01\/05\/2023 \/ <a href=\"https:\/\/www.psib-psoe.org\/mallorca\/category\/federacio-de-mallorca\/\" rel=\"category tag\">Federaci\u00f3 de Mallorca<\/a>, <a href=\"https:\/\/www.psib-psoe.org\/mallorca\/category\/portada\/\" rel=\"category tag\">Portada<\/a><\/aside>\n\t\t\t\t<h3 itemprop=\"headline\"><a href=\"https:\/\/www.psib-psoe.org\/mallorca\/catalina-cladera-vos-deman-que-el-28-de-maig-vos-mobilitzeu-per-fer-possible-una-majoria-progressista-a-lloret-mallorca-i-les-illes-balears\/\" title=\"Catalina Cladera: \u201cVos deman que el 28 de maig vos mobilitzeu per fer possible una majoria progressista a Lloret, Mallorca i les Illes Balears\u201d\">Catalina Cladera: \u201cVos deman que el 28 de maig vos mobilitzeu per fer possible una majoria progressista a Lloret, Mallorca i les Illes Balears\u201d<\/a><\/h3>\n\t\t\t<\/header>\n\t\t<\/div>\n\t\t<div class=\"post-content\">\n\t\t\t<a href=\"https:\/\/www.psib-psoe.org\/mallorca\/catalina-cladera-vos-deman-que-el-28-de-maig-vos-mobilitzeu-per-fer-possible-una-majoria-progressista-a-lloret-mallorca-i-les-illes-balears\/\" class=\"more-link\">Read More<\/a>\n\t\t<\/div>\n\t\t\t<aside class=\"post-bottom-meta hide\">\n\t\t<strong rel=\"author\" itemprop=\"author\" class=\"author vcard\"><span class=\"fn\">Marc<\/span><\/strong>\n\t\t<time class=\"date published time\" datetime=\"2023-05-01T20:00:16+02:00\" itemprop=\"datePublished\" content=\"2023-05-01T20:00:16+02:00\">01\/05\/2023<\/time>\n\t\t<meta itemprop=\"dateModified\" class=\"date updated\" content=\"2023-05-01T20:00:16+02:00\">\n\t\t<span class=\"hide\" itemprop=\"publisher\" itemscope itemtype=\"https:\/\/schema.org\/Organization\">\n\t\t\t<meta itemprop=\"name\" content=\"SocialistesdMca\">\n\t\t\t<span itemprop=\"logo\" itemscope itemtype=\"https:\/\/schema.org\/ImageObject\">\n\t\t\t\t<meta itemprop=\"url\" content=\"https:\/\/www.psib-psoe.org\/mallorca\/wp-content\/themes\/notio-wp\/assets\/img\/logo.png\">\n\t\t\t<\/span>\n\t\t\t<meta itemprop=\"url\" content=\"https:\/\/www.psib-psoe.org\/mallorca\/\">\n\t\t<\/span>\n\t\t\t\t<span class=\"hide\" itemprop=\"image\" itemscope itemtype=\"http:\/\/schema.org\/ImageObject\">\n\t\t\t<meta itemprop=\"url\" content=\"https:\/\/www.psib-psoe.org\/mallorca\/wp-content\/uploads\/PRESENTACI\u00d3-CANDIDATURA-LLORET-DE-VISTALEGRE.jpg\">\n\t\t\t<meta itemprop=\"width\" content=\"4032\">\n\t\t\t<meta itemprop=\"height\" content=\"3024\">\n\t\t<\/span>\n\t\t\t\t<meta itemscope itemprop=\"mainEntityOfPage\" itemtype=\"https:\/\/schema.org\/WebPage\" itemid=\"https:\/\/www.psib-psoe.org\/mallorca\/catalina-cladera-vos-deman-que-el-28-de-maig-vos-mobilitzeu-per-fer-possible-una-majoria-progressista-a-lloret-mallorca-i-les-illes-balears\/\">\n\t<\/aside>\n\t\t<\/article>\n<\/div>\n<div class=\"small-12 large-4 columns\">\n\t<article itemscope itemtype=\"http:\/\/schema.org\/Article\" class=\"post blog-style7 alt post-27531 type-post status-publish format-standard has-post-thumbnail hentry category-consell-de-mallorca category-federacio-de-mallorca category-federacio-de-mallorca-portada category-portada tag-catalina-cladera tag-consell-de-mallorca tag-psib-psoe\" role=\"article\">\n\t\t<figure class=\"post-gallery\"><img loading=\"lazy\" decoding=\"async\" width=\"600\" height=\"400\" src=\"https:\/\/www.psib-psoe.org\/mallorca\/wp-content\/uploads\/260423-Candidatura-Socialista-al-Consell-de-Mallorca-600x400.jpg\" class=\"attachment-notio-general-x2 size-notio-general-x2 wp-post-image\" alt=\"\" srcset=\"https:\/\/www.psib-psoe.org\/mallorca\/wp-content\/uploads\/260423-Candidatura-Socialista-al-Consell-de-Mallorca-600x400.jpg 600w, https:\/\/www.psib-psoe.org\/mallorca\/wp-content\/uploads\/260423-Candidatura-Socialista-al-Consell-de-Mallorca-300x200.jpg 300w, https:\/\/www.psib-psoe.org\/mallorca\/wp-content\/uploads\/260423-Candidatura-Socialista-al-Consell-de-Mallorca-768x512.jpg 768w, https:\/\/www.psib-psoe.org\/mallorca\/wp-content\/uploads\/260423-Candidatura-Socialista-al-Consell-de-Mallorca-1024x682.jpg 1024w, https:\/\/www.psib-psoe.org\/mallorca\/wp-content\/uploads\/260423-Candidatura-Socialista-al-Consell-de-Mallorca-150x100.jpg 150w, https:\/\/www.psib-psoe.org\/mallorca\/wp-content\/uploads\/260423-Candidatura-Socialista-al-Consell-de-Mallorca-900x600.jpg 900w, https:\/\/www.psib-psoe.org\/mallorca\/wp-content\/uploads\/260423-Candidatura-Socialista-al-Consell-de-Mallorca-20x13.jpg 20w\" sizes=\"(max-width: 600px) 100vw, 600px\" \/><\/figure>\n\t\t<div class=\"blog-top\">\n\t\t\t<header class=\"post-title entry-header\">\n\t\t\t\t<aside class=\"post-meta cf\">\n\t\t26\/04\/2023 \/ <a href=\"https:\/\/www.psib-psoe.org\/mallorca\/category\/consell-de-mallorca\/\" rel=\"category tag\">Consell de Mallorca<\/a>, <a href=\"https:\/\/www.psib-psoe.org\/mallorca\/category\/federacio-de-mallorca\/\" rel=\"category tag\">Federaci\u00f3 de Mallorca<\/a>, <a href=\"https:\/\/www.psib-psoe.org\/mallorca\/category\/federacio-de-mallorca-portada\/\" rel=\"category tag\">Federaci\u00f3 de Mallorca - Portada<\/a>, <a href=\"https:\/\/www.psib-psoe.org\/mallorca\/category\/portada\/\" rel=\"category tag\">Portada<\/a><\/aside>\n\t\t\t\t<h3 itemprop=\"headline\"><a href=\"https:\/\/www.psib-psoe.org\/mallorca\/catalina-cladera-presenta-la-candidatura-del-psib-psoe-al-consell-de-mallorca-pensada-per-tornar-a-governar-quatre-anys-mes-i-que-combina-renovacio-i-experiencia\/\" title=\"Catalina Cladera presenta la candidatura del PSIB-PSOE al Consell de Mallorca pensada per \u201ctornar a governar quatre anys m\u00e9s\u201d i que combina renovaci\u00f3 i experi\u00e8ncia\">Catalina Cladera presenta la candidatura del PSIB-PSOE al Consell de Mallorca pensada per \u201ctornar a governar quatre anys m\u00e9s\u201d i que combina renovaci\u00f3 i experi\u00e8ncia<\/a><\/h3>\n\t\t\t<\/header>\n\t\t<\/div>\n\t\t<div class=\"post-content\">\n\t\t\t<a href=\"https:\/\/www.psib-psoe.org\/mallorca\/catalina-cladera-presenta-la-candidatura-del-psib-psoe-al-consell-de-mallorca-pensada-per-tornar-a-governar-quatre-anys-mes-i-que-combina-renovacio-i-experiencia\/\" class=\"more-link\">Read More<\/a>\n\t\t<\/div>\n\t\t\t<aside class=\"post-bottom-meta hide\">\n\t\t<strong rel=\"author\" itemprop=\"author\" class=\"author vcard\"><span class=\"fn\">Socialistes de Mallorca<\/span><\/strong>\n\t\t<time class=\"date published time\" datetime=\"2023-04-26T19:28:58+02:00\" itemprop=\"datePublished\" content=\"2023-04-26T19:28:58+02:00\">26\/04\/2023<\/time>\n\t\t<meta itemprop=\"dateModified\" class=\"date updated\" content=\"2023-04-26T19:28:58+02:00\">\n\t\t<span class=\"hide\" itemprop=\"publisher\" itemscope itemtype=\"https:\/\/schema.org\/Organization\">\n\t\t\t<meta itemprop=\"name\" content=\"SocialistesdMca\">\n\t\t\t<span itemprop=\"logo\" itemscope itemtype=\"https:\/\/schema.org\/ImageObject\">\n\t\t\t\t<meta itemprop=\"url\" content=\"https:\/\/www.psib-psoe.org\/mallorca\/wp-content\/themes\/notio-wp\/assets\/img\/logo.png\">\n\t\t\t<\/span>\n\t\t\t<meta itemprop=\"url\" content=\"https:\/\/www.psib-psoe.org\/mallorca\/\">\n\t\t<\/span>\n\t\t\t\t<span class=\"hide\" itemprop=\"image\" itemscope itemtype=\"http:\/\/schema.org\/ImageObject\">\n\t\t\t<meta itemprop=\"url\" content=\"https:\/\/www.psib-psoe.org\/mallorca\/wp-content\/uploads\/260423-Candidatura-Socialista-al-Consell-de-Mallorca.jpg\">\n\t\t\t<meta itemprop=\"width\" content=\"6000\">\n\t\t\t<meta itemprop=\"height\" content=\"3999\">\n\t\t<\/span>\n\t\t\t\t<meta itemscope itemprop=\"mainEntityOfPage\" itemtype=\"https:\/\/schema.org\/WebPage\" itemid=\"https:\/\/www.psib-psoe.org\/mallorca\/catalina-cladera-presenta-la-candidatura-del-psib-psoe-al-consell-de-mallorca-pensada-per-tornar-a-governar-quatre-anys-mes-i-que-combina-renovacio-i-experiencia\/\">\n\t<\/aside>\n\t\t<\/article>\n<\/div>\n<div class=\"small-12 large-4 columns\">\n\t<article itemscope itemtype=\"http:\/\/schema.org\/Article\" class=\"post blog-style7 alt post-27517 type-post status-publish format-standard has-post-thumbnail hentry category-federacio-de-mallorca category-portada\" role=\"article\">\n\t\t<figure class=\"post-gallery\"><img loading=\"lazy\" decoding=\"async\" width=\"600\" height=\"400\" src=\"https:\/\/www.psib-psoe.org\/mallorca\/wp-content\/uploads\/PRESENTACI\u00d3-CANDIDATURA-SA-POBLA-600x400.jpg\" class=\"attachment-notio-general-x2 size-notio-general-x2 wp-post-image\" alt=\"\" srcset=\"https:\/\/www.psib-psoe.org\/mallorca\/wp-content\/uploads\/PRESENTACI\u00d3-CANDIDATURA-SA-POBLA-600x400.jpg 600w, https:\/\/www.psib-psoe.org\/mallorca\/wp-content\/uploads\/PRESENTACI\u00d3-CANDIDATURA-SA-POBLA-300x200.jpg 300w, https:\/\/www.psib-psoe.org\/mallorca\/wp-content\/uploads\/PRESENTACI\u00d3-CANDIDATURA-SA-POBLA-20x13.jpg 20w, https:\/\/www.psib-psoe.org\/mallorca\/wp-content\/uploads\/PRESENTACI\u00d3-CANDIDATURA-SA-POBLA-900x600.jpg 900w\" sizes=\"(max-width: 600px) 100vw, 600px\" \/><\/figure>\n\t\t<div class=\"blog-top\">\n\t\t\t<header class=\"post-title entry-header\">\n\t\t\t\t<aside class=\"post-meta cf\">\n\t\t22\/04\/2023 \/ <a href=\"https:\/\/www.psib-psoe.org\/mallorca\/category\/federacio-de-mallorca\/\" rel=\"category tag\">Federaci\u00f3 de Mallorca<\/a>, <a href=\"https:\/\/www.psib-psoe.org\/mallorca\/category\/portada\/\" rel=\"category tag\">Portada<\/a><\/aside>\n\t\t\t\t<h3 itemprop=\"headline\"><a href=\"https:\/\/www.psib-psoe.org\/mallorca\/catalina-cladera-nomes-els-socialistes-podrem-fer-que-la-nova-escola-de-sa-pobla-sigui-una-i-per-aixo-necessitam-governar-a-sa-pobla-a-mallorca-i-a-les-illes-balears\/\" title=\"Catalina Cladera: \u201cNom\u00e9s els socialistes podrem fer que la nova escola de Sa Pobla sigui una realitat, per aix\u00f2, necessitam governar a Sa Pobla, a Mallorca i a les Illes Balears\u201d\">Catalina Cladera: \u201cNom\u00e9s els socialistes podrem fer que la nova escola de Sa Pobla sigui una realitat, per aix\u00f2, necessitam governar a Sa Pobla, a Mallorca i a les Illes Balears\u201d<\/a><\/h3>\n\t\t\t<\/header>\n\t\t<\/div>\n\t\t<div class=\"post-content\">\n\t\t\t<a href=\"https:\/\/www.psib-psoe.org\/mallorca\/catalina-cladera-nomes-els-socialistes-podrem-fer-que-la-nova-escola-de-sa-pobla-sigui-una-i-per-aixo-necessitam-governar-a-sa-pobla-a-mallorca-i-a-les-illes-balears\/\" class=\"more-link\">Read More<\/a>\n\t\t<\/div>\n\t\t\t<aside class=\"post-bottom-meta hide\">\n\t\t<strong rel=\"author\" itemprop=\"author\" class=\"author vcard\"><span class=\"fn\">Marc<\/span><\/strong>\n\t\t<time class=\"date published time\" datetime=\"2023-04-22T23:46:45+02:00\" itemprop=\"datePublished\" content=\"2023-04-22T23:46:45+02:00\">22\/04\/2023<\/time>\n\t\t<meta itemprop=\"dateModified\" class=\"date updated\" content=\"2023-04-22T23:51:15+02:00\">\n\t\t<span class=\"hide\" itemprop=\"publisher\" itemscope itemtype=\"https:\/\/schema.org\/Organization\">\n\t\t\t<meta itemprop=\"name\" content=\"SocialistesdMca\">\n\t\t\t<span itemprop=\"logo\" itemscope itemtype=\"https:\/\/schema.org\/ImageObject\">\n\t\t\t\t<meta itemprop=\"url\" content=\"https:\/\/www.psib-psoe.org\/mallorca\/wp-content\/themes\/notio-wp\/assets\/img\/logo.png\">\n\t\t\t<\/span>\n\t\t\t<meta itemprop=\"url\" content=\"https:\/\/www.psib-psoe.org\/mallorca\/\">\n\t\t<\/span>\n\t\t\t\t<span class=\"hide\" itemprop=\"image\" itemscope itemtype=\"http:\/\/schema.org\/ImageObject\">\n\t\t\t<meta itemprop=\"url\" content=\"https:\/\/www.psib-psoe.org\/mallorca\/wp-content\/uploads\/PRESENTACI\u00d3-CANDIDATURA-SA-POBLA.jpg\">\n\t\t\t<meta itemprop=\"width\" content=\"3723\">\n\t\t\t<meta itemprop=\"height\" content=\"2413\">\n\t\t<\/span>\n\t\t\t\t<meta itemscope itemprop=\"mainEntityOfPage\" itemtype=\"https:\/\/schema.org\/WebPage\" itemid=\"https:\/\/www.psib-psoe.org\/mallorca\/catalina-cladera-nomes-els-socialistes-podrem-fer-que-la-nova-escola-de-sa-pobla-sigui-una-i-per-aixo-necessitam-governar-a-sa-pobla-a-mallorca-i-a-les-illes-balears\/\">\n\t<\/aside>\n\t\t<\/article>\n<\/div>\n<div class=\"small-12 large-4 columns\">\n\t<article itemscope itemtype=\"http:\/\/schema.org\/Article\" class=\"post blog-style7 alt post-27515 type-post status-publish format-standard has-post-thumbnail hentry category-federacio-de-mallorca tag-federacio-socialista-de-mallorca\" role=\"article\">\n\t\t<figure class=\"post-gallery\"><img loading=\"lazy\" decoding=\"async\" width=\"600\" height=\"400\" src=\"https:\/\/www.psib-psoe.org\/mallorca\/wp-content\/uploads\/20230422_PRESENTACIO\u0301-CANDIDATURA-MANACOR-scaled-600x400.jpg\" class=\"attachment-notio-general-x2 size-notio-general-x2 wp-post-image\" alt=\"\" srcset=\"https:\/\/www.psib-psoe.org\/mallorca\/wp-content\/uploads\/20230422_PRESENTACIO\u0301-CANDIDATURA-MANACOR-scaled-600x400.jpg 600w, https:\/\/www.psib-psoe.org\/mallorca\/wp-content\/uploads\/20230422_PRESENTACIO\u0301-CANDIDATURA-MANACOR-scaled-300x200.jpg 300w, https:\/\/www.psib-psoe.org\/mallorca\/wp-content\/uploads\/20230422_PRESENTACIO\u0301-CANDIDATURA-MANACOR-scaled-768x512.jpg 768w, https:\/\/www.psib-psoe.org\/mallorca\/wp-content\/uploads\/20230422_PRESENTACIO\u0301-CANDIDATURA-MANACOR-scaled-1024x683.jpg 1024w, https:\/\/www.psib-psoe.org\/mallorca\/wp-content\/uploads\/20230422_PRESENTACIO\u0301-CANDIDATURA-MANACOR-scaled-150x100.jpg 150w, https:\/\/www.psib-psoe.org\/mallorca\/wp-content\/uploads\/20230422_PRESENTACIO\u0301-CANDIDATURA-MANACOR-scaled-900x600.jpg 900w, https:\/\/www.psib-psoe.org\/mallorca\/wp-content\/uploads\/20230422_PRESENTACIO\u0301-CANDIDATURA-MANACOR-scaled-20x13.jpg 20w\" sizes=\"(max-width: 600px) 100vw, 600px\" \/><\/figure>\n\t\t<div class=\"blog-top\">\n\t\t\t<header class=\"post-title entry-header\">\n\t\t\t\t<aside class=\"post-meta cf\">\n\t\t22\/04\/2023 \/ <a href=\"https:\/\/www.psib-psoe.org\/mallorca\/category\/federacio-de-mallorca\/\" rel=\"category tag\">Federaci\u00f3 de Mallorca<\/a><\/aside>\n\t\t\t\t<h3 itemprop=\"headline\"><a href=\"https:\/\/www.psib-psoe.org\/mallorca\/armengol-es-compromet-a-invertir-150-milions-deuros-mes-en-sanitat-publica-la-proxima-legislatura-la-majoria-en-centres-datencio-primaria\/\" title=\"Armengol es compromet a invertir 150 milions d\u2019euros m\u00e9s en sanitat p\u00fablica la pr\u00f2xima legislatura, la majoria en centres d\u2019Atenci\u00f3 Prim\u00e0ria\">Armengol es compromet a invertir 150 milions d\u2019euros m\u00e9s en sanitat p\u00fablica la pr\u00f2xima legislatura, la majoria en centres d\u2019Atenci\u00f3 Prim\u00e0ria<\/a><\/h3>\n\t\t\t<\/header>\n\t\t<\/div>\n\t\t<div class=\"post-content\">\n\t\t\t<a href=\"https:\/\/www.psib-psoe.org\/mallorca\/armengol-es-compromet-a-invertir-150-milions-deuros-mes-en-sanitat-publica-la-proxima-legislatura-la-majoria-en-centres-datencio-primaria\/\" class=\"more-link\">Read More<\/a>\n\t\t<\/div>\n\t\t\t<aside class=\"post-bottom-meta hide\">\n\t\t<strong rel=\"author\" itemprop=\"author\" class=\"author vcard\"><span class=\"fn\">adminpsib<\/span><\/strong>\n\t\t<time class=\"date published time\" datetime=\"2023-04-22T15:45:08+02:00\" itemprop=\"datePublished\" content=\"2023-04-22T15:45:08+02:00\">22\/04\/2023<\/time>\n\t\t<meta itemprop=\"dateModified\" class=\"date updated\" content=\"2023-04-22T15:45:08+02:00\">\n\t\t<span class=\"hide\" itemprop=\"publisher\" itemscope itemtype=\"https:\/\/schema.org\/Organization\">\n\t\t\t<meta itemprop=\"name\" content=\"SocialistesdMca\">\n\t\t\t<span itemprop=\"logo\" itemscope itemtype=\"https:\/\/schema.org\/ImageObject\">\n\t\t\t\t<meta itemprop=\"url\" content=\"https:\/\/www.psib-psoe.org\/mallorca\/wp-content\/themes\/notio-wp\/assets\/img\/logo.png\">\n\t\t\t<\/span>\n\t\t\t<meta itemprop=\"url\" content=\"https:\/\/www.psib-psoe.org\/mallorca\/\">\n\t\t<\/span>\n\t\t\t\t<span class=\"hide\" itemprop=\"image\" itemscope itemtype=\"http:\/\/schema.org\/ImageObject\">\n\t\t\t<meta itemprop=\"url\" content=\"https:\/\/www.psib-psoe.org\/mallorca\/wp-content\/uploads\/20230422_PRESENTACIO\u0301-CANDIDATURA-MANACOR-scaled.jpg\">\n\t\t\t<meta itemprop=\"width\" content=\"2560\">\n\t\t\t<meta itemprop=\"height\" content=\"1707\">\n\t\t<\/span>\n\t\t\t\t<meta itemscope itemprop=\"mainEntityOfPage\" itemtype=\"https:\/\/schema.org\/WebPage\" itemid=\"https:\/\/www.psib-psoe.org\/mallorca\/armengol-es-compromet-a-invertir-150-milions-deuros-mes-en-sanitat-publica-la-proxima-legislatura-la-majoria-en-centres-datencio-primaria\/\">\n\t<\/aside>\n\t\t<\/article>\n<\/div>\n<div class=\"small-12 large-4 columns\">\n\t<article itemscope itemtype=\"http:\/\/schema.org\/Article\" class=\"post blog-style7 alt post-27512 type-post status-publish format-standard has-post-thumbnail hentry category-federacio-de-mallorca category-portada\" role=\"article\">\n\t\t<figure class=\"post-gallery\"><img loading=\"lazy\" decoding=\"async\" width=\"600\" height=\"400\" src=\"https:\/\/www.psib-psoe.org\/mallorca\/wp-content\/uploads\/20230421_PRESENTACIO-CANDIDATS-MUNICIPALS-MALLORCA-600x400.jpg\" class=\"attachment-notio-general-x2 size-notio-general-x2 wp-post-image\" alt=\"\" srcset=\"https:\/\/www.psib-psoe.org\/mallorca\/wp-content\/uploads\/20230421_PRESENTACIO-CANDIDATS-MUNICIPALS-MALLORCA-600x400.jpg 600w, https:\/\/www.psib-psoe.org\/mallorca\/wp-content\/uploads\/20230421_PRESENTACIO-CANDIDATS-MUNICIPALS-MALLORCA-300x200.jpg 300w, https:\/\/www.psib-psoe.org\/mallorca\/wp-content\/uploads\/20230421_PRESENTACIO-CANDIDATS-MUNICIPALS-MALLORCA-768x512.jpg 768w, https:\/\/www.psib-psoe.org\/mallorca\/wp-content\/uploads\/20230421_PRESENTACIO-CANDIDATS-MUNICIPALS-MALLORCA-1024x683.jpg 1024w, https:\/\/www.psib-psoe.org\/mallorca\/wp-content\/uploads\/20230421_PRESENTACIO-CANDIDATS-MUNICIPALS-MALLORCA-150x100.jpg 150w, https:\/\/www.psib-psoe.org\/mallorca\/wp-content\/uploads\/20230421_PRESENTACIO-CANDIDATS-MUNICIPALS-MALLORCA-900x600.jpg 900w, https:\/\/www.psib-psoe.org\/mallorca\/wp-content\/uploads\/20230421_PRESENTACIO-CANDIDATS-MUNICIPALS-MALLORCA-20x13.jpg 20w, https:\/\/www.psib-psoe.org\/mallorca\/wp-content\/uploads\/20230421_PRESENTACIO-CANDIDATS-MUNICIPALS-MALLORCA.jpg 1620w\" sizes=\"(max-width: 600px) 100vw, 600px\" \/><\/figure>\n\t\t<div class=\"blog-top\">\n\t\t\t<header class=\"post-title entry-header\">\n\t\t\t\t<aside class=\"post-meta cf\">\n\t\t21\/04\/2023 \/ <a href=\"https:\/\/www.psib-psoe.org\/mallorca\/category\/federacio-de-mallorca\/\" rel=\"category tag\">Federaci\u00f3 de Mallorca<\/a>, <a href=\"https:\/\/www.psib-psoe.org\/mallorca\/category\/portada\/\" rel=\"category tag\">Portada<\/a><\/aside>\n\t\t\t\t<h3 itemprop=\"headline\"><a href=\"https:\/\/www.psib-psoe.org\/mallorca\/el-partit-socialista-aconsegueix-tenir-el-poder-mes-gran-municipal-de-la-historia-50-municipis-de-mallorca-tindran-representacio-socialista-per-sortir-a-guanyar-el-28-de-maig\/\" title=\"El Partit Socialista aconsegueix tenir el poder m\u00e9s gran municipal de la hist\u00f2ria: 50 municipis de Mallorca tindran representaci\u00f3 socialista per \u201csortir a guanyar\u201d el 28 de maig\">El Partit Socialista aconsegueix tenir el poder m\u00e9s gran municipal de la hist\u00f2ria: 50 municipis de Mallorca tindran representaci\u00f3 socialista per \u201csortir a guanyar\u201d el 28 de maig<\/a><\/h3>\n\t\t\t<\/header>\n\t\t<\/div>\n\t\t<div class=\"post-content\">\n\t\t\t<a href=\"https:\/\/www.psib-psoe.org\/mallorca\/el-partit-socialista-aconsegueix-tenir-el-poder-mes-gran-municipal-de-la-historia-50-municipis-de-mallorca-tindran-representacio-socialista-per-sortir-a-guanyar-el-28-de-maig\/\" class=\"more-link\">Read More<\/a>\n\t\t<\/div>\n\t\t\t<aside class=\"post-bottom-meta hide\">\n\t\t<strong rel=\"author\" itemprop=\"author\" class=\"author vcard\"><span class=\"fn\">Marc<\/span><\/strong>\n\t\t<time class=\"date published time\" datetime=\"2023-04-21T20:45:52+02:00\" itemprop=\"datePublished\" content=\"2023-04-21T20:45:52+02:00\">21\/04\/2023<\/time>\n\t\t<meta itemprop=\"dateModified\" class=\"date updated\" content=\"2023-05-06T20:11:59+02:00\">\n\t\t<span class=\"hide\" itemprop=\"publisher\" itemscope itemtype=\"https:\/\/schema.org\/Organization\">\n\t\t\t<meta itemprop=\"name\" content=\"SocialistesdMca\">\n\t\t\t<span itemprop=\"logo\" itemscope itemtype=\"https:\/\/schema.org\/ImageObject\">\n\t\t\t\t<meta itemprop=\"url\" content=\"https:\/\/www.psib-psoe.org\/mallorca\/wp-content\/themes\/notio-wp\/assets\/img\/logo.png\">\n\t\t\t<\/span>\n\t\t\t<meta itemprop=\"url\" content=\"https:\/\/www.psib-psoe.org\/mallorca\/\">\n\t\t<\/span>\n\t\t\t\t<span class=\"hide\" itemprop=\"image\" itemscope itemtype=\"http:\/\/schema.org\/ImageObject\">\n\t\t\t<meta itemprop=\"url\" content=\"https:\/\/www.psib-psoe.org\/mallorca\/wp-content\/uploads\/20230421_PRESENTACIO-CANDIDATS-MUNICIPALS-MALLORCA.jpg\">\n\t\t\t<meta itemprop=\"width\" content=\"1620\">\n\t\t\t<meta itemprop=\"height\" content=\"1080\">\n\t\t<\/span>\n\t\t\t\t<meta itemscope itemprop=\"mainEntityOfPage\" itemtype=\"https:\/\/schema.org\/WebPage\" itemid=\"https:\/\/www.psib-psoe.org\/mallorca\/el-partit-socialista-aconsegueix-tenir-el-poder-mes-gran-municipal-de-la-historia-50-municipis-de-mallorca-tindran-representacio-socialista-per-sortir-a-guanyar-el-28-de-maig\/\">\n\t<\/aside>\n\t\t<\/article>\n<\/div>\n<div class=\"small-12 large-4 columns\">\n\t<article itemscope itemtype=\"http:\/\/schema.org\/Article\" class=\"post blog-style7 alt post-27494 type-post status-publish format-standard has-post-thumbnail hentry category-federacio-de-mallorca category-federacio-de-mallorca-portada category-municipis category-portada tag-ares-fernandez tag-catalina-cladera tag-lloseta tag-maria-bel-llinas tag-psib-psoe\" role=\"article\">\n\t\t<figure class=\"post-gallery\"><img loading=\"lazy\" decoding=\"async\" width=\"600\" height=\"400\" src=\"https:\/\/www.psib-psoe.org\/mallorca\/wp-content\/uploads\/150423-Acte-Joventuts-Socialistes-600x400.jpg\" class=\"attachment-notio-general-x2 size-notio-general-x2 wp-post-image\" alt=\"\" srcset=\"https:\/\/www.psib-psoe.org\/mallorca\/wp-content\/uploads\/150423-Acte-Joventuts-Socialistes-600x400.jpg 600w, https:\/\/www.psib-psoe.org\/mallorca\/wp-content\/uploads\/150423-Acte-Joventuts-Socialistes-300x200.jpg 300w, https:\/\/www.psib-psoe.org\/mallorca\/wp-content\/uploads\/150423-Acte-Joventuts-Socialistes-768x512.jpg 768w, https:\/\/www.psib-psoe.org\/mallorca\/wp-content\/uploads\/150423-Acte-Joventuts-Socialistes-1024x683.jpg 1024w, https:\/\/www.psib-psoe.org\/mallorca\/wp-content\/uploads\/150423-Acte-Joventuts-Socialistes-150x100.jpg 150w, https:\/\/www.psib-psoe.org\/mallorca\/wp-content\/uploads\/150423-Acte-Joventuts-Socialistes-900x600.jpg 900w, https:\/\/www.psib-psoe.org\/mallorca\/wp-content\/uploads\/150423-Acte-Joventuts-Socialistes-20x13.jpg 20w\" sizes=\"(max-width: 600px) 100vw, 600px\" \/><\/figure>\n\t\t<div class=\"blog-top\">\n\t\t\t<header class=\"post-title entry-header\">\n\t\t\t\t<aside class=\"post-meta cf\">\n\t\t15\/04\/2023 \/ <a href=\"https:\/\/www.psib-psoe.org\/mallorca\/category\/federacio-de-mallorca\/\" rel=\"category tag\">Federaci\u00f3 de Mallorca<\/a>, <a href=\"https:\/\/www.psib-psoe.org\/mallorca\/category\/federacio-de-mallorca-portada\/\" rel=\"category tag\">Federaci\u00f3 de Mallorca - Portada<\/a>, <a href=\"https:\/\/www.psib-psoe.org\/mallorca\/category\/municipis\/\" rel=\"category tag\">Municipis<\/a>, <a href=\"https:\/\/www.psib-psoe.org\/mallorca\/category\/portada\/\" rel=\"category tag\">Portada<\/a><\/aside>\n\t\t\t\t<h3 itemprop=\"headline\"><a href=\"https:\/\/www.psib-psoe.org\/mallorca\/catalina-cladera-el-partit-popular-diu-que-baixara-els-impostos-pero-no-diu-que-aixo-implica-retallades-en-politiques-destinades-als-joves\/\" title=\"Catalina Cladera: \u201cEl Partit Popular diu que baixar\u00e0 els impostos, per\u00f2 no diu que aix\u00f2 implica retallades en pol\u00edtiques destinades als joves\u201d\">Catalina Cladera: \u201cEl Partit Popular diu que baixar\u00e0 els impostos, per\u00f2 no diu que aix\u00f2 implica retallades en pol\u00edtiques destinades als joves\u201d<\/a><\/h3>\n\t\t\t<\/header>\n\t\t<\/div>\n\t\t<div class=\"post-content\">\n\t\t\t<a href=\"https:\/\/www.psib-psoe.org\/mallorca\/catalina-cladera-el-partit-popular-diu-que-baixara-els-impostos-pero-no-diu-que-aixo-implica-retallades-en-politiques-destinades-als-joves\/\" class=\"more-link\">Read More<\/a>\n\t\t<\/div>\n\t\t\t<aside class=\"post-bottom-meta hide\">\n\t\t<strong rel=\"author\" itemprop=\"author\" class=\"author vcard\"><span class=\"fn\">Socialistes de Mallorca<\/span><\/strong>\n\t\t<time class=\"date published time\" datetime=\"2023-04-15T14:11:59+02:00\" itemprop=\"datePublished\" content=\"2023-04-15T14:11:59+02:00\">15\/04\/2023<\/time>\n\t\t<meta itemprop=\"dateModified\" class=\"date updated\" content=\"2023-04-15T14:11:59+02:00\">\n\t\t<span class=\"hide\" itemprop=\"publisher\" itemscope itemtype=\"https:\/\/schema.org\/Organization\">\n\t\t\t<meta itemprop=\"name\" content=\"SocialistesdMca\">\n\t\t\t<span itemprop=\"logo\" itemscope itemtype=\"https:\/\/schema.org\/ImageObject\">\n\t\t\t\t<meta itemprop=\"url\" content=\"https:\/\/www.psib-psoe.org\/mallorca\/wp-content\/themes\/notio-wp\/assets\/img\/logo.png\">\n\t\t\t<\/span>\n\t\t\t<meta itemprop=\"url\" content=\"https:\/\/www.psib-psoe.org\/mallorca\/\">\n\t\t<\/span>\n\t\t\t\t<span class=\"hide\" itemprop=\"image\" itemscope itemtype=\"http:\/\/schema.org\/ImageObject\">\n\t\t\t<meta itemprop=\"url\" content=\"https:\/\/www.psib-psoe.org\/mallorca\/wp-content\/uploads\/150423-Acte-Joventuts-Socialistes.jpg\">\n\t\t\t<meta itemprop=\"width\" content=\"6000\">\n\t\t\t<meta itemprop=\"height\" content=\"4000\">\n\t\t<\/span>\n\t\t\t\t<meta itemscope itemprop=\"mainEntityOfPage\" itemtype=\"https:\/\/schema.org\/WebPage\" itemid=\"https:\/\/www.psib-psoe.org\/mallorca\/catalina-cladera-el-partit-popular-diu-que-baixara-els-impostos-pero-no-diu-que-aixo-implica-retallades-en-politiques-destinades-als-joves\/\">\n\t<\/aside>\n\t\t<\/article>\n<\/div>\n<div class=\"small-12 large-4 columns\">\n\t<article itemscope itemtype=\"http:\/\/schema.org\/Article\" class=\"post blog-style7 alt post-27482 type-post status-publish format-standard has-post-thumbnail hentry category-federacio-de-mallorca category-federacio-de-mallorca-portada category-municipis category-portada tag-jaume-mateu tag-pep-lluis-urraca tag-psib-psoe tag-socialistes-soller tag-soller\" role=\"article\">\n\t\t<figure class=\"post-gallery\"><img loading=\"lazy\" decoding=\"async\" width=\"600\" height=\"400\" src=\"https:\/\/www.psib-psoe.org\/mallorca\/wp-content\/uploads\/120423-Visita-a-Santa-Euge\u0300nia-dels-Socialistes-de-So\u0301ller-600x400.jpeg\" class=\"attachment-notio-general-x2 size-notio-general-x2 wp-post-image\" alt=\"\" srcset=\"https:\/\/www.psib-psoe.org\/mallorca\/wp-content\/uploads\/120423-Visita-a-Santa-Euge\u0300nia-dels-Socialistes-de-So\u0301ller-600x400.jpeg 600w, https:\/\/www.psib-psoe.org\/mallorca\/wp-content\/uploads\/120423-Visita-a-Santa-Euge\u0300nia-dels-Socialistes-de-So\u0301ller-300x200.jpeg 300w, https:\/\/www.psib-psoe.org\/mallorca\/wp-content\/uploads\/120423-Visita-a-Santa-Euge\u0300nia-dels-Socialistes-de-So\u0301ller-900x600.jpeg 900w, https:\/\/www.psib-psoe.org\/mallorca\/wp-content\/uploads\/120423-Visita-a-Santa-Euge\u0300nia-dels-Socialistes-de-So\u0301ller-20x13.jpeg 20w\" sizes=\"(max-width: 600px) 100vw, 600px\" \/><\/figure>\n\t\t<div class=\"blog-top\">\n\t\t\t<header class=\"post-title entry-header\">\n\t\t\t\t<aside class=\"post-meta cf\">\n\t\t12\/04\/2023 \/ <a href=\"https:\/\/www.psib-psoe.org\/mallorca\/category\/federacio-de-mallorca\/\" rel=\"category tag\">Federaci\u00f3 de Mallorca<\/a>, <a href=\"https:\/\/www.psib-psoe.org\/mallorca\/category\/federacio-de-mallorca-portada\/\" rel=\"category tag\">Federaci\u00f3 de Mallorca - Portada<\/a>, <a href=\"https:\/\/www.psib-psoe.org\/mallorca\/category\/municipis\/\" rel=\"category tag\">Municipis<\/a>, <a href=\"https:\/\/www.psib-psoe.org\/mallorca\/category\/portada\/\" rel=\"category tag\">Portada<\/a><\/aside>\n\t\t\t\t<h3 itemprop=\"headline\"><a href=\"https:\/\/www.psib-psoe.org\/mallorca\/els-socialistes-de-soller-asseguren-que-la-politica-dhabitatge-sera-una-de-les-seves-prioritats\/\" title=\"Els socialistes de S\u00f3ller asseguren que la pol\u00edtica d\u2019habitatge ser\u00e0 una de les seves prioritats\">Els socialistes de S\u00f3ller asseguren que la pol\u00edtica d\u2019habitatge ser\u00e0 una de les seves prioritats<\/a><\/h3>\n\t\t\t<\/header>\n\t\t<\/div>\n\t\t<div class=\"post-content\">\n\t\t\t<a href=\"https:\/\/www.psib-psoe.org\/mallorca\/els-socialistes-de-soller-asseguren-que-la-politica-dhabitatge-sera-una-de-les-seves-prioritats\/\" class=\"more-link\">Read More<\/a>\n\t\t<\/div>\n\t\t\t<aside class=\"post-bottom-meta hide\">\n\t\t<strong rel=\"author\" itemprop=\"author\" class=\"author vcard\"><span class=\"fn\">Socialistes de Mallorca<\/span><\/strong>\n\t\t<time class=\"date published time\" datetime=\"2023-04-12T12:58:10+02:00\" itemprop=\"datePublished\" content=\"2023-04-12T12:58:10+02:00\">12\/04\/2023<\/time>\n\t\t<meta itemprop=\"dateModified\" class=\"date updated\" content=\"2023-04-12T12:58:10+02:00\">\n\t\t<span class=\"hide\" itemprop=\"publisher\" itemscope itemtype=\"https:\/\/schema.org\/Organization\">\n\t\t\t<meta itemprop=\"name\" content=\"SocialistesdMca\">\n\t\t\t<span itemprop=\"logo\" itemscope itemtype=\"https:\/\/schema.org\/ImageObject\">\n\t\t\t\t<meta itemprop=\"url\" content=\"https:\/\/www.psib-psoe.org\/mallorca\/wp-content\/themes\/notio-wp\/assets\/img\/logo.png\">\n\t\t\t<\/span>\n\t\t\t<meta itemprop=\"url\" content=\"https:\/\/www.psib-psoe.org\/mallorca\/\">\n\t\t<\/span>\n\t\t\t\t<span class=\"hide\" itemprop=\"image\" itemscope itemtype=\"http:\/\/schema.org\/ImageObject\">\n\t\t\t<meta itemprop=\"url\" content=\"https:\/\/www.psib-psoe.org\/mallorca\/wp-content\/uploads\/120423-Visita-a-Santa-Euge\u0300nia-dels-Socialistes-de-So\u0301ller.jpeg\">\n\t\t\t<meta itemprop=\"width\" content=\"2048\">\n\t\t\t<meta itemprop=\"height\" content=\"1536\">\n\t\t<\/span>\n\t\t\t\t<meta itemscope itemprop=\"mainEntityOfPage\" itemtype=\"https:\/\/schema.org\/WebPage\" itemid=\"https:\/\/www.psib-psoe.org\/mallorca\/els-socialistes-de-soller-asseguren-que-la-politica-dhabitatge-sera-una-de-les-seves-prioritats\/\">\n\t<\/aside>\n\t\t<\/article>\n<\/div>\n<div class=\"small-12 large-4 columns\">\n\t<article itemscope itemtype=\"http:\/\/schema.org\/Article\" class=\"post blog-style7 alt post-27471 type-post status-publish format-standard has-post-thumbnail hentry category-federacio-de-mallorca category-federacio-de-mallorca-portada category-portada\" role=\"article\">\n\t\t<figure class=\"post-gallery\"><img loading=\"lazy\" decoding=\"async\" width=\"600\" height=\"400\" src=\"https:\/\/www.psib-psoe.org\/mallorca\/wp-content\/uploads\/IMG_7153-600x400.jpg\" class=\"attachment-notio-general-x2 size-notio-general-x2 wp-post-image\" alt=\"\" srcset=\"https:\/\/www.psib-psoe.org\/mallorca\/wp-content\/uploads\/IMG_7153-600x400.jpg 600w, https:\/\/www.psib-psoe.org\/mallorca\/wp-content\/uploads\/IMG_7153-300x200.jpg 300w, https:\/\/www.psib-psoe.org\/mallorca\/wp-content\/uploads\/IMG_7153-900x600.jpg 900w, https:\/\/www.psib-psoe.org\/mallorca\/wp-content\/uploads\/IMG_7153-20x13.jpg 20w\" sizes=\"(max-width: 600px) 100vw, 600px\" \/><\/figure>\n\t\t<div class=\"blog-top\">\n\t\t\t<header class=\"post-title entry-header\">\n\t\t\t\t<aside class=\"post-meta cf\">\n\t\t02\/04\/2023 \/ <a href=\"https:\/\/www.psib-psoe.org\/mallorca\/category\/federacio-de-mallorca\/\" rel=\"category tag\">Federaci\u00f3 de Mallorca<\/a>, <a href=\"https:\/\/www.psib-psoe.org\/mallorca\/category\/federacio-de-mallorca-portada\/\" rel=\"category tag\">Federaci\u00f3 de Mallorca - Portada<\/a>, <a href=\"https:\/\/www.psib-psoe.org\/mallorca\/category\/portada\/\" rel=\"category tag\">Portada<\/a><\/aside>\n\t\t\t\t<h3 itemprop=\"headline\"><a href=\"https:\/\/www.psib-psoe.org\/mallorca\/miquel-palou-es-un-gran-candidat-per-a-bunyol-perque-es-un-perfil-solvent\/\" title=\"Catalina Cladera: \u201cMiquel Palou \u00e9s un gran candidat per a Bunyola perqu\u00e8 \u00e9s el perfil m\u00e9s solvent i l\u2019\u00fanic que t\u00e9 al cap un poble de present per\u00f2 tamb\u00e9 de futur\u201d\">Catalina Cladera: \u201cMiquel Palou \u00e9s un gran candidat per a Bunyola perqu\u00e8 \u00e9s el perfil m\u00e9s solvent i l\u2019\u00fanic que t\u00e9 al cap un poble de present per\u00f2 tamb\u00e9 de futur\u201d<\/a><\/h3>\n\t\t\t<\/header>\n\t\t<\/div>\n\t\t<div class=\"post-content\">\n\t\t\t<a href=\"https:\/\/www.psib-psoe.org\/mallorca\/miquel-palou-es-un-gran-candidat-per-a-bunyol-perque-es-un-perfil-solvent\/\" class=\"more-link\">Read More<\/a>\n\t\t<\/div>\n\t\t\t<aside class=\"post-bottom-meta hide\">\n\t\t<strong rel=\"author\" itemprop=\"author\" class=\"author vcard\"><span class=\"fn\">Albert<\/span><\/strong>\n\t\t<time class=\"date published time\" datetime=\"2023-04-02T15:39:23+02:00\" itemprop=\"datePublished\" content=\"2023-04-02T15:39:23+02:00\">02\/04\/2023<\/time>\n\t\t<meta itemprop=\"dateModified\" class=\"date updated\" content=\"2023-04-02T15:39:23+02:00\">\n\t\t<span class=\"hide\" itemprop=\"publisher\" itemscope itemtype=\"https:\/\/schema.org\/Organization\">\n\t\t\t<meta itemprop=\"name\" content=\"SocialistesdMca\">\n\t\t\t<span itemprop=\"logo\" itemscope itemtype=\"https:\/\/schema.org\/ImageObject\">\n\t\t\t\t<meta itemprop=\"url\" content=\"https:\/\/www.psib-psoe.org\/mallorca\/wp-content\/themes\/notio-wp\/assets\/img\/logo.png\">\n\t\t\t<\/span>\n\t\t\t<meta itemprop=\"url\" content=\"https:\/\/www.psib-psoe.org\/mallorca\/\">\n\t\t<\/span>\n\t\t\t\t<span class=\"hide\" itemprop=\"image\" itemscope itemtype=\"http:\/\/schema.org\/ImageObject\">\n\t\t\t<meta itemprop=\"url\" content=\"https:\/\/www.psib-psoe.org\/mallorca\/wp-content\/uploads\/IMG_7153.jpg\">\n\t\t\t<meta itemprop=\"width\" content=\"4032\">\n\t\t\t<meta itemprop=\"height\" content=\"3024\">\n\t\t<\/span>\n\t\t\t\t<meta itemscope itemprop=\"mainEntityOfPage\" itemtype=\"https:\/\/schema.org\/WebPage\" itemid=\"https:\/\/www.psib-psoe.org\/mallorca\/miquel-palou-es-un-gran-candidat-per-a-bunyol-perque-es-un-perfil-solvent\/\">\n\t<\/aside>\n\t\t<\/article>\n<\/div>\n<div class=\"small-12 large-4 columns\">\n\t<article itemscope itemtype=\"http:\/\/schema.org\/Article\" class=\"post blog-style7 alt post-27467 type-post status-publish format-standard has-post-thumbnail hentry category-federacio-de-mallorca category-federacio-de-mallorca-portada category-portada tag-catalina-cladera tag-convencio-2030 tag-federacio-socialista-de-mallorca tag-francina-armengol tag-mertixell-batet\" role=\"article\">\n\t\t<figure class=\"post-gallery\"><img loading=\"lazy\" decoding=\"async\" width=\"600\" height=\"400\" src=\"https:\/\/www.psib-psoe.org\/mallorca\/wp-content\/uploads\/010423-Convencio\u0301-Mallorca-2030-600x400.jpeg\" class=\"attachment-notio-general-x2 size-notio-general-x2 wp-post-image\" alt=\"\" srcset=\"https:\/\/www.psib-psoe.org\/mallorca\/wp-content\/uploads\/010423-Convencio\u0301-Mallorca-2030-600x400.jpeg 600w, https:\/\/www.psib-psoe.org\/mallorca\/wp-content\/uploads\/010423-Convencio\u0301-Mallorca-2030-300x200.jpeg 300w, https:\/\/www.psib-psoe.org\/mallorca\/wp-content\/uploads\/010423-Convencio\u0301-Mallorca-2030-768x512.jpeg 768w, https:\/\/www.psib-psoe.org\/mallorca\/wp-content\/uploads\/010423-Convencio\u0301-Mallorca-2030-1024x683.jpeg 1024w, https:\/\/www.psib-psoe.org\/mallorca\/wp-content\/uploads\/010423-Convencio\u0301-Mallorca-2030-150x100.jpeg 150w, https:\/\/www.psib-psoe.org\/mallorca\/wp-content\/uploads\/010423-Convencio\u0301-Mallorca-2030-900x600.jpeg 900w, https:\/\/www.psib-psoe.org\/mallorca\/wp-content\/uploads\/010423-Convencio\u0301-Mallorca-2030-20x13.jpeg 20w, https:\/\/www.psib-psoe.org\/mallorca\/wp-content\/uploads\/010423-Convencio\u0301-Mallorca-2030.jpeg 1599w\" sizes=\"(max-width: 600px) 100vw, 600px\" \/><\/figure>\n\t\t<div class=\"blog-top\">\n\t\t\t<header class=\"post-title entry-header\">\n\t\t\t\t<aside class=\"post-meta cf\">\n\t\t01\/04\/2023 \/ <a href=\"https:\/\/www.psib-psoe.org\/mallorca\/category\/federacio-de-mallorca\/\" rel=\"category tag\">Federaci\u00f3 de Mallorca<\/a>, <a href=\"https:\/\/www.psib-psoe.org\/mallorca\/category\/federacio-de-mallorca-portada\/\" rel=\"category tag\">Federaci\u00f3 de Mallorca - Portada<\/a>, <a href=\"https:\/\/www.psib-psoe.org\/mallorca\/category\/portada\/\" rel=\"category tag\">Portada<\/a><\/aside>\n\t\t\t\t<h3 itemprop=\"headline\"><a href=\"https:\/\/www.psib-psoe.org\/mallorca\/catalina-cladera-es-compromet-a-destinar-40-milions-deuros-del-consell-de-mallorca-a-la-compra-dhabitatges-per-posar-lo-a-disposicio-dels-collectius-vulnerables\/\" title=\"Catalina Cladera es compromet a destinar 40 milions d\u2019euros del Consell de Mallorca a la compra d\u2019habitatges per posar-lo a disposici\u00f3 dels col\u00b7lectius vulnerables\">Catalina Cladera es compromet a destinar 40 milions d\u2019euros del Consell de Mallorca a la compra d\u2019habitatges per posar-lo a disposici\u00f3 dels col\u00b7lectius vulnerables<\/a><\/h3>\n\t\t\t<\/header>\n\t\t<\/div>\n\t\t<div class=\"post-content\">\n\t\t\t<a href=\"https:\/\/www.psib-psoe.org\/mallorca\/catalina-cladera-es-compromet-a-destinar-40-milions-deuros-del-consell-de-mallorca-a-la-compra-dhabitatges-per-posar-lo-a-disposicio-dels-collectius-vulnerables\/\" class=\"more-link\">Read More<\/a>\n\t\t<\/div>\n\t\t\t<aside class=\"post-bottom-meta hide\">\n\t\t<strong rel=\"author\" itemprop=\"author\" class=\"author vcard\"><span class=\"fn\">Socialistes de Mallorca<\/span><\/strong>\n\t\t<time class=\"date published time\" datetime=\"2023-04-01T15:35:52+02:00\" itemprop=\"datePublished\" content=\"2023-04-01T15:35:52+02:00\">01\/04\/2023<\/time>\n\t\t<meta itemprop=\"dateModified\" class=\"date updated\" content=\"2023-04-01T15:35:52+02:00\">\n\t\t<span class=\"hide\" itemprop=\"publisher\" itemscope itemtype=\"https:\/\/schema.org\/Organization\">\n\t\t\t<meta itemprop=\"name\" content=\"SocialistesdMca\">\n\t\t\t<span itemprop=\"logo\" itemscope itemtype=\"https:\/\/schema.org\/ImageObject\">\n\t\t\t\t<meta itemprop=\"url\" content=\"https:\/\/www.psib-psoe.org\/mallorca\/wp-content\/themes\/notio-wp\/assets\/img\/logo.png\">\n\t\t\t<\/span>\n\t\t\t<meta itemprop=\"url\" content=\"https:\/\/www.psib-psoe.org\/mallorca\/\">\n\t\t<\/span>\n\t\t\t\t<span class=\"hide\" itemprop=\"image\" itemscope itemtype=\"http:\/\/schema.org\/ImageObject\">\n\t\t\t<meta itemprop=\"url\" content=\"https:\/\/www.psib-psoe.org\/mallorca\/wp-content\/uploads\/010423-Convencio\u0301-Mallorca-2030.jpeg\">\n\t\t\t<meta itemprop=\"width\" content=\"1599\">\n\t\t\t<meta itemprop=\"height\" content=\"1066\">\n\t\t<\/span>\n\t\t\t\t<meta itemscope itemprop=\"mainEntityOfPage\" itemtype=\"https:\/\/schema.org\/WebPage\" itemid=\"https:\/\/www.psib-psoe.org\/mallorca\/catalina-cladera-es-compromet-a-destinar-40-milions-deuros-del-consell-de-mallorca-a-la-compra-dhabitatges-per-posar-lo-a-disposicio-dels-collectius-vulnerables\/\">\n\t<\/aside>\n\t\t<\/article>\n<\/div>\n<div class=\"small-12 large-4 columns\">\n\t<article itemscope itemtype=\"http:\/\/schema.org\/Article\" class=\"post blog-style7 alt post-27462 type-post status-publish format-standard has-post-thumbnail hentry category-federacio-de-mallorca category-federacio-de-mallorca-portada category-portada tag-convencio-mallorca-2030 tag-federacio-socialista-de-mallorca tag-javier-de-juan\" role=\"article\">\n\t\t<figure class=\"post-gallery\"><img loading=\"lazy\" decoding=\"async\" width=\"600\" height=\"400\" src=\"https:\/\/www.psib-psoe.org\/mallorca\/wp-content\/uploads\/IMG_6643-600x400.jpg\" class=\"attachment-notio-general-x2 size-notio-general-x2 wp-post-image\" alt=\"\" srcset=\"https:\/\/www.psib-psoe.org\/mallorca\/wp-content\/uploads\/IMG_6643-600x400.jpg 600w, https:\/\/www.psib-psoe.org\/mallorca\/wp-content\/uploads\/IMG_6643-300x200.jpg 300w, https:\/\/www.psib-psoe.org\/mallorca\/wp-content\/uploads\/IMG_6643-900x600.jpg 900w, https:\/\/www.psib-psoe.org\/mallorca\/wp-content\/uploads\/IMG_6643-20x13.jpg 20w\" sizes=\"(max-width: 600px) 100vw, 600px\" \/><\/figure>\n\t\t<div class=\"blog-top\">\n\t\t\t<header class=\"post-title entry-header\">\n\t\t\t\t<aside class=\"post-meta cf\">\n\t\t31\/03\/2023 \/ <a href=\"https:\/\/www.psib-psoe.org\/mallorca\/category\/federacio-de-mallorca\/\" rel=\"category tag\">Federaci\u00f3 de Mallorca<\/a>, <a href=\"https:\/\/www.psib-psoe.org\/mallorca\/category\/federacio-de-mallorca-portada\/\" rel=\"category tag\">Federaci\u00f3 de Mallorca - Portada<\/a>, <a href=\"https:\/\/www.psib-psoe.org\/mallorca\/category\/portada\/\" rel=\"category tag\">Portada<\/a><\/aside>\n\t\t\t\t<h3 itemprop=\"headline\"><a href=\"https:\/\/www.psib-psoe.org\/mallorca\/catalina-cladera-es-el-moment-que-pollenca-passi-pagina-govern-de-dretes-marti-march\/\" title=\"Catalina Cladera: \u201c\u00c9s el moment que Pollen\u00e7a passi p\u00e0gina, deixi enrere el govern de dretes, i torni a situar els seus ve\u00efns en el centre de les seves pol\u00edtiques de la m\u00e0 de Mart\u00ed March\">Catalina Cladera: \u201c\u00c9s el moment que Pollen\u00e7a passi p\u00e0gina, deixi enrere el govern de dretes, i torni a situar els seus ve\u00efns en el centre de les seves pol\u00edtiques de la m\u00e0 de Mart\u00ed March<\/a><\/h3>\n\t\t\t<\/header>\n\t\t<\/div>\n\t\t<div class=\"post-content\">\n\t\t\t<a href=\"https:\/\/www.psib-psoe.org\/mallorca\/catalina-cladera-es-el-moment-que-pollenca-passi-pagina-govern-de-dretes-marti-march\/\" class=\"more-link\">Read More<\/a>\n\t\t<\/div>\n\t\t\t<aside class=\"post-bottom-meta hide\">\n\t\t<strong rel=\"author\" itemprop=\"author\" class=\"author vcard\"><span class=\"fn\">Albert<\/span><\/strong>\n\t\t<time class=\"date published time\" datetime=\"2023-03-31T20:50:41+02:00\" itemprop=\"datePublished\" content=\"2023-03-31T20:50:41+02:00\">31\/03\/2023<\/time>\n\t\t<meta itemprop=\"dateModified\" class=\"date updated\" content=\"2023-03-31T20:50:41+02:00\">\n\t\t<span class=\"hide\" itemprop=\"publisher\" itemscope itemtype=\"https:\/\/schema.org\/Organization\">\n\t\t\t<meta itemprop=\"name\" content=\"SocialistesdMca\">\n\t\t\t<span itemprop=\"logo\" itemscope itemtype=\"https:\/\/schema.org\/ImageObject\">\n\t\t\t\t<meta itemprop=\"url\" content=\"https:\/\/www.psib-psoe.org\/mallorca\/wp-content\/themes\/notio-wp\/assets\/img\/logo.png\">\n\t\t\t<\/span>\n\t\t\t<meta itemprop=\"url\" content=\"https:\/\/www.psib-psoe.org\/mallorca\/\">\n\t\t<\/span>\n\t\t\t\t<span class=\"hide\" itemprop=\"image\" itemscope itemtype=\"http:\/\/schema.org\/ImageObject\">\n\t\t\t<meta itemprop=\"url\" content=\"https:\/\/www.psib-psoe.org\/mallorca\/wp-content\/uploads\/IMG_6643.jpg\">\n\t\t\t<meta itemprop=\"width\" content=\"4032\">\n\t\t\t<meta itemprop=\"height\" content=\"3024\">\n\t\t<\/span>\n\t\t\t\t<meta itemscope itemprop=\"mainEntityOfPage\" itemtype=\"https:\/\/schema.org\/WebPage\" itemid=\"https:\/\/www.psib-psoe.org\/mallorca\/catalina-cladera-es-el-moment-que-pollenca-passi-pagina-govern-de-dretes-marti-march\/\">\n\t<\/aside>\n\t\t<\/article>\n<\/div>\n<div class=\"small-12 large-4 columns\">\n\t<article itemscope itemtype=\"http:\/\/schema.org\/Article\" class=\"post blog-style7 alt post-27458 type-post status-publish format-standard has-post-thumbnail hentry category-federacio-de-mallorca category-federacio-de-mallorca-portada category-portada tag-convencio-mallorca-2030 tag-federacio-socialista-de-mallorca tag-javier-de-juan\" role=\"article\">\n\t\t<figure class=\"post-gallery\"><img loading=\"lazy\" decoding=\"async\" width=\"600\" height=\"400\" src=\"https:\/\/www.psib-psoe.org\/mallorca\/wp-content\/uploads\/310323-Javier-de-Juan-600x400.jpg\" class=\"attachment-notio-general-x2 size-notio-general-x2 wp-post-image\" alt=\"\" srcset=\"https:\/\/www.psib-psoe.org\/mallorca\/wp-content\/uploads\/310323-Javier-de-Juan-600x400.jpg 600w, https:\/\/www.psib-psoe.org\/mallorca\/wp-content\/uploads\/310323-Javier-de-Juan-300x200.jpg 300w, https:\/\/www.psib-psoe.org\/mallorca\/wp-content\/uploads\/310323-Javier-de-Juan-900x600.jpg 900w, https:\/\/www.psib-psoe.org\/mallorca\/wp-content\/uploads\/310323-Javier-de-Juan-20x13.jpg 20w\" sizes=\"(max-width: 600px) 100vw, 600px\" \/><\/figure>\n\t\t<div class=\"blog-top\">\n\t\t\t<header class=\"post-title entry-header\">\n\t\t\t\t<aside class=\"post-meta cf\">\n\t\t31\/03\/2023 \/ <a href=\"https:\/\/www.psib-psoe.org\/mallorca\/category\/federacio-de-mallorca\/\" rel=\"category tag\">Federaci\u00f3 de Mallorca<\/a>, <a href=\"https:\/\/www.psib-psoe.org\/mallorca\/category\/federacio-de-mallorca-portada\/\" rel=\"category tag\">Federaci\u00f3 de Mallorca - Portada<\/a>, <a href=\"https:\/\/www.psib-psoe.org\/mallorca\/category\/portada\/\" rel=\"category tag\">Portada<\/a><\/aside>\n\t\t\t\t<h3 itemprop=\"headline\"><a href=\"https:\/\/www.psib-psoe.org\/mallorca\/javier-de-juan-la-convencio-mallorca-2030-representa-la-consolidacio-del-projecte-socialista-i-marca-el-nostre-full-de-ruta\/\" title=\"Javier de Juan: \u201cLa Convenci\u00f3 Mallorca 2030 representa la consolidaci\u00f3 del projecte socialista i marca el nostre full de ruta \u201d\">Javier de Juan: \u201cLa Convenci\u00f3 Mallorca 2030 representa la consolidaci\u00f3 del projecte socialista i marca el nostre full de ruta \u201d<\/a><\/h3>\n\t\t\t<\/header>\n\t\t<\/div>\n\t\t<div class=\"post-content\">\n\t\t\t<a href=\"https:\/\/www.psib-psoe.org\/mallorca\/javier-de-juan-la-convencio-mallorca-2030-representa-la-consolidacio-del-projecte-socialista-i-marca-el-nostre-full-de-ruta\/\" class=\"more-link\">Read More<\/a>\n\t\t<\/div>\n\t\t\t<aside class=\"post-bottom-meta hide\">\n\t\t<strong rel=\"author\" itemprop=\"author\" class=\"author vcard\"><span class=\"fn\">Socialistes de Mallorca<\/span><\/strong>\n\t\t<time class=\"date published time\" datetime=\"2023-03-31T14:41:58+02:00\" itemprop=\"datePublished\" content=\"2023-03-31T14:41:58+02:00\">31\/03\/2023<\/time>\n\t\t<meta itemprop=\"dateModified\" class=\"date updated\" content=\"2023-04-05T14:07:32+02:00\">\n\t\t<span class=\"hide\" itemprop=\"publisher\" itemscope itemtype=\"https:\/\/schema.org\/Organization\">\n\t\t\t<meta itemprop=\"name\" content=\"SocialistesdMca\">\n\t\t\t<span itemprop=\"logo\" itemscope itemtype=\"https:\/\/schema.org\/ImageObject\">\n\t\t\t\t<meta itemprop=\"url\" content=\"https:\/\/www.psib-psoe.org\/mallorca\/wp-content\/themes\/notio-wp\/assets\/img\/logo.png\">\n\t\t\t<\/span>\n\t\t\t<meta itemprop=\"url\" content=\"https:\/\/www.psib-psoe.org\/mallorca\/\">\n\t\t<\/span>\n\t\t\t\t<span class=\"hide\" itemprop=\"image\" itemscope itemtype=\"http:\/\/schema.org\/ImageObject\">\n\t\t\t<meta itemprop=\"url\" content=\"https:\/\/www.psib-psoe.org\/mallorca\/wp-content\/uploads\/310323-Javier-de-Juan.jpg\">\n\t\t\t<meta itemprop=\"width\" content=\"4032\">\n\t\t\t<meta itemprop=\"height\" content=\"3024\">\n\t\t<\/span>\n\t\t\t\t<meta itemscope itemprop=\"mainEntityOfPage\" itemtype=\"https:\/\/schema.org\/WebPage\" itemid=\"https:\/\/www.psib-psoe.org\/mallorca\/javier-de-juan-la-convencio-mallorca-2030-representa-la-consolidacio-del-projecte-socialista-i-marca-el-nostre-full-de-ruta\/\">\n\t<\/aside>\n\t\t<\/article>\n<\/div>\n<div class=\"small-12 large-4 columns\">\n\t<article itemscope itemtype=\"http:\/\/schema.org\/Article\" class=\"post blog-style7 alt post-27455 type-post status-publish format-standard has-post-thumbnail hentry category-federacio-de-mallorca category-federacio-de-mallorca-portada category-municipis category-portada tag-binissalem tag-catalina-cladera tag-pep-maria-pons tag-psib-psoe\" role=\"article\">\n\t\t<figure class=\"post-gallery\"><img loading=\"lazy\" decoding=\"async\" width=\"600\" height=\"400\" src=\"https:\/\/www.psib-psoe.org\/mallorca\/wp-content\/uploads\/310323-Candidatura-Binissalem-600x400.jpg\" class=\"attachment-notio-general-x2 size-notio-general-x2 wp-post-image\" alt=\"\" srcset=\"https:\/\/www.psib-psoe.org\/mallorca\/wp-content\/uploads\/310323-Candidatura-Binissalem-600x400.jpg 600w, https:\/\/www.psib-psoe.org\/mallorca\/wp-content\/uploads\/310323-Candidatura-Binissalem-300x200.jpg 300w, https:\/\/www.psib-psoe.org\/mallorca\/wp-content\/uploads\/310323-Candidatura-Binissalem-768x512.jpg 768w, https:\/\/www.psib-psoe.org\/mallorca\/wp-content\/uploads\/310323-Candidatura-Binissalem-1024x683.jpg 1024w, https:\/\/www.psib-psoe.org\/mallorca\/wp-content\/uploads\/310323-Candidatura-Binissalem-150x100.jpg 150w, https:\/\/www.psib-psoe.org\/mallorca\/wp-content\/uploads\/310323-Candidatura-Binissalem-900x600.jpg 900w, https:\/\/www.psib-psoe.org\/mallorca\/wp-content\/uploads\/310323-Candidatura-Binissalem-20x13.jpg 20w\" sizes=\"(max-width: 600px) 100vw, 600px\" \/><\/figure>\n\t\t<div class=\"blog-top\">\n\t\t\t<header class=\"post-title entry-header\">\n\t\t\t\t<aside class=\"post-meta cf\">\n\t\t31\/03\/2023 \/ <a href=\"https:\/\/www.psib-psoe.org\/mallorca\/category\/federacio-de-mallorca\/\" rel=\"category tag\">Federaci\u00f3 de Mallorca<\/a>, <a href=\"https:\/\/www.psib-psoe.org\/mallorca\/category\/federacio-de-mallorca-portada\/\" rel=\"category tag\">Federaci\u00f3 de Mallorca - Portada<\/a>, <a href=\"https:\/\/www.psib-psoe.org\/mallorca\/category\/municipis\/\" rel=\"category tag\">Municipis<\/a>, <a href=\"https:\/\/www.psib-psoe.org\/mallorca\/category\/portada\/\" rel=\"category tag\">Portada<\/a><\/aside>\n\t\t\t\t<h3 itemprop=\"headline\"><a href=\"https:\/\/www.psib-psoe.org\/mallorca\/pep-maria-pons-hem-conformat-un-equip-de-persones-preparades-per-fer-realitat-el-canvi-tan-necessari-i-urgent-a-binissalem\/\" title=\"Pep Maria Pons: \u201cHem conformat un equip de persones preparades per fer realitat el canvi tan necessari i urgent a Binissalem\u201d\">Pep Maria Pons: \u201cHem conformat un equip de persones preparades per fer realitat el canvi tan necessari i urgent a Binissalem\u201d<\/a><\/h3>\n\t\t\t<\/header>\n\t\t<\/div>\n\t\t<div class=\"post-content\">\n\t\t\t<a href=\"https:\/\/www.psib-psoe.org\/mallorca\/pep-maria-pons-hem-conformat-un-equip-de-persones-preparades-per-fer-realitat-el-canvi-tan-necessari-i-urgent-a-binissalem\/\" class=\"more-link\">Read More<\/a>\n\t\t<\/div>\n\t\t\t<aside class=\"post-bottom-meta hide\">\n\t\t<strong rel=\"author\" itemprop=\"author\" class=\"author vcard\"><span class=\"fn\">Socialistes de Mallorca<\/span><\/strong>\n\t\t<time class=\"date published time\" datetime=\"2023-03-31T12:32:30+02:00\" itemprop=\"datePublished\" content=\"2023-03-31T12:32:30+02:00\">31\/03\/2023<\/time>\n\t\t<meta itemprop=\"dateModified\" class=\"date updated\" content=\"2023-03-31T16:44:37+02:00\">\n\t\t<span class=\"hide\" itemprop=\"publisher\" itemscope itemtype=\"https:\/\/schema.org\/Organization\">\n\t\t\t<meta itemprop=\"name\" content=\"SocialistesdMca\">\n\t\t\t<span itemprop=\"logo\" itemscope itemtype=\"https:\/\/schema.org\/ImageObject\">\n\t\t\t\t<meta itemprop=\"url\" content=\"https:\/\/www.psib-psoe.org\/mallorca\/wp-content\/themes\/notio-wp\/assets\/img\/logo.png\">\n\t\t\t<\/span>\n\t\t\t<meta itemprop=\"url\" content=\"https:\/\/www.psib-psoe.org\/mallorca\/\">\n\t\t<\/span>\n\t\t\t\t<span class=\"hide\" itemprop=\"image\" itemscope itemtype=\"http:\/\/schema.org\/ImageObject\">\n\t\t\t<meta itemprop=\"url\" content=\"https:\/\/www.psib-psoe.org\/mallorca\/wp-content\/uploads\/310323-Candidatura-Binissalem.jpg\">\n\t\t\t<meta itemprop=\"width\" content=\"6000\">\n\t\t\t<meta itemprop=\"height\" content=\"4000\">\n\t\t<\/span>\n\t\t\t\t<meta itemscope itemprop=\"mainEntityOfPage\" itemtype=\"https:\/\/schema.org\/WebPage\" itemid=\"https:\/\/www.psib-psoe.org\/mallorca\/pep-maria-pons-hem-conformat-un-equip-de-persones-preparades-per-fer-realitat-el-canvi-tan-necessari-i-urgent-a-binissalem\/\">\n\t<\/aside>\n\t\t<\/article>\n<\/div>\n<div class=\"small-12 large-4 columns\">\n\t<article itemscope itemtype=\"http:\/\/schema.org\/Article\" class=\"post blog-style7 alt post-27444 type-post status-publish format-standard has-post-thumbnail hentry category-federacio-de-mallorca category-federacio-de-mallorca-portada category-portada tag-catalina-cladera tag-federacio-socialista-de-mallorca\" role=\"article\">\n\t\t<figure class=\"post-gallery\"><img loading=\"lazy\" decoding=\"async\" width=\"600\" height=\"400\" src=\"https:\/\/www.psib-psoe.org\/mallorca\/wp-content\/uploads\/290323-Acte-Sectoria-Convencio\u0301-Mallorca-2030-territori-600x400.jpg\" class=\"attachment-notio-general-x2 size-notio-general-x2 wp-post-image\" alt=\"\" srcset=\"https:\/\/www.psib-psoe.org\/mallorca\/wp-content\/uploads\/290323-Acte-Sectoria-Convencio\u0301-Mallorca-2030-territori-600x400.jpg 600w, https:\/\/www.psib-psoe.org\/mallorca\/wp-content\/uploads\/290323-Acte-Sectoria-Convencio\u0301-Mallorca-2030-territori-300x200.jpg 300w, https:\/\/www.psib-psoe.org\/mallorca\/wp-content\/uploads\/290323-Acte-Sectoria-Convencio\u0301-Mallorca-2030-territori-900x600.jpg 900w, https:\/\/www.psib-psoe.org\/mallorca\/wp-content\/uploads\/290323-Acte-Sectoria-Convencio\u0301-Mallorca-2030-territori-20x13.jpg 20w\" sizes=\"(max-width: 600px) 100vw, 600px\" \/><\/figure>\n\t\t<div class=\"blog-top\">\n\t\t\t<header class=\"post-title entry-header\">\n\t\t\t\t<aside class=\"post-meta cf\">\n\t\t29\/03\/2023 \/ <a href=\"https:\/\/www.psib-psoe.org\/mallorca\/category\/federacio-de-mallorca\/\" rel=\"category tag\">Federaci\u00f3 de Mallorca<\/a>, <a href=\"https:\/\/www.psib-psoe.org\/mallorca\/category\/federacio-de-mallorca-portada\/\" rel=\"category tag\">Federaci\u00f3 de Mallorca - Portada<\/a>, <a href=\"https:\/\/www.psib-psoe.org\/mallorca\/category\/portada\/\" rel=\"category tag\">Portada<\/a><\/aside>\n\t\t\t\t<h3 itemprop=\"headline\"><a href=\"https:\/\/www.psib-psoe.org\/mallorca\/catalina-cladera-continuarem-impulsant-politiques-perque-els-residents-de-mallorca-puguem-seguir-gaudint-del-nostre-territori\/\" title=\"Catalina Cladera: \u201cContinuarem impulsant pol\u00edtiques perqu\u00e8 els residents de Mallorca puguem seguir gaudint del nostre territori\u201d\">Catalina Cladera: \u201cContinuarem impulsant pol\u00edtiques perqu\u00e8 els residents de Mallorca puguem seguir gaudint del nostre territori\u201d<\/a><\/h3>\n\t\t\t<\/header>\n\t\t<\/div>\n\t\t<div class=\"post-content\">\n\t\t\t<a href=\"https:\/\/www.psib-psoe.org\/mallorca\/catalina-cladera-continuarem-impulsant-politiques-perque-els-residents-de-mallorca-puguem-seguir-gaudint-del-nostre-territori\/\" class=\"more-link\">Read More<\/a>\n\t\t<\/div>\n\t\t\t<aside class=\"post-bottom-meta hide\">\n\t\t<strong rel=\"author\" itemprop=\"author\" class=\"author vcard\"><span class=\"fn\">Socialistes de Mallorca<\/span><\/strong>\n\t\t<time class=\"date published time\" datetime=\"2023-03-29T20:34:39+02:00\" itemprop=\"datePublished\" content=\"2023-03-29T20:34:39+02:00\">29\/03\/2023<\/time>\n\t\t<meta itemprop=\"dateModified\" class=\"date updated\" content=\"2023-03-29T20:34:39+02:00\">\n\t\t<span class=\"hide\" itemprop=\"publisher\" itemscope itemtype=\"https:\/\/schema.org\/Organization\">\n\t\t\t<meta itemprop=\"name\" content=\"SocialistesdMca\">\n\t\t\t<span itemprop=\"logo\" itemscope itemtype=\"https:\/\/schema.org\/ImageObject\">\n\t\t\t\t<meta itemprop=\"url\" content=\"https:\/\/www.psib-psoe.org\/mallorca\/wp-content\/themes\/notio-wp\/assets\/img\/logo.png\">\n\t\t\t<\/span>\n\t\t\t<meta itemprop=\"url\" content=\"https:\/\/www.psib-psoe.org\/mallorca\/\">\n\t\t<\/span>\n\t\t\t\t<span class=\"hide\" itemprop=\"image\" itemscope itemtype=\"http:\/\/schema.org\/ImageObject\">\n\t\t\t<meta itemprop=\"url\" content=\"https:\/\/www.psib-psoe.org\/mallorca\/wp-content\/uploads\/290323-Acte-Sectoria-Convencio\u0301-Mallorca-2030-territori.jpg\">\n\t\t\t<meta itemprop=\"width\" content=\"4032\">\n\t\t\t<meta itemprop=\"height\" content=\"3024\">\n\t\t<\/span>\n\t\t\t\t<meta itemscope itemprop=\"mainEntityOfPage\" itemtype=\"https:\/\/schema.org\/WebPage\" itemid=\"https:\/\/www.psib-psoe.org\/mallorca\/catalina-cladera-continuarem-impulsant-politiques-perque-els-residents-de-mallorca-puguem-seguir-gaudint-del-nostre-territori\/\">\n\t<\/aside>\n\t\t<\/article>\n<\/div>\n<div class=\"small-12 large-4 columns\">\n\t<article itemscope itemtype=\"http:\/\/schema.org\/Article\" class=\"post blog-style7 alt post-27433 type-post status-publish format-standard has-post-thumbnail hentry category-federacio-de-mallorca category-federacio-de-mallorca-portada category-municipis category-portada tag-gori-estarellas tag-psib-psoe tag-teresa-suarez tag-valldemossa\" role=\"article\">\n\t\t<figure class=\"post-gallery\"><img loading=\"lazy\" decoding=\"async\" width=\"600\" height=\"400\" src=\"https:\/\/www.psib-psoe.org\/mallorca\/wp-content\/uploads\/230323-Candidatura-Gori-Estarellas-VALLDEMOSSA-600x400.jpg\" class=\"attachment-notio-general-x2 size-notio-general-x2 wp-post-image\" alt=\"\" srcset=\"https:\/\/www.psib-psoe.org\/mallorca\/wp-content\/uploads\/230323-Candidatura-Gori-Estarellas-VALLDEMOSSA-600x400.jpg 600w, https:\/\/www.psib-psoe.org\/mallorca\/wp-content\/uploads\/230323-Candidatura-Gori-Estarellas-VALLDEMOSSA-300x200.jpg 300w, https:\/\/www.psib-psoe.org\/mallorca\/wp-content\/uploads\/230323-Candidatura-Gori-Estarellas-VALLDEMOSSA-20x13.jpg 20w, https:\/\/www.psib-psoe.org\/mallorca\/wp-content\/uploads\/230323-Candidatura-Gori-Estarellas-VALLDEMOSSA-900x600.jpg 900w\" sizes=\"(max-width: 600px) 100vw, 600px\" \/><\/figure>\n\t\t<div class=\"blog-top\">\n\t\t\t<header class=\"post-title entry-header\">\n\t\t\t\t<aside class=\"post-meta cf\">\n\t\t23\/03\/2023 \/ <a href=\"https:\/\/www.psib-psoe.org\/mallorca\/category\/federacio-de-mallorca\/\" rel=\"category tag\">Federaci\u00f3 de Mallorca<\/a>, <a href=\"https:\/\/www.psib-psoe.org\/mallorca\/category\/federacio-de-mallorca-portada\/\" rel=\"category tag\">Federaci\u00f3 de Mallorca - Portada<\/a>, <a href=\"https:\/\/www.psib-psoe.org\/mallorca\/category\/municipis\/\" rel=\"category tag\">Municipis<\/a>, <a href=\"https:\/\/www.psib-psoe.org\/mallorca\/category\/portada\/\" rel=\"category tag\">Portada<\/a><\/aside>\n\t\t\t\t<h3 itemprop=\"headline\"><a href=\"https:\/\/www.psib-psoe.org\/mallorca\/gori-estarellas-valldemossa-necessita-un-canvi-que-ha-darribar-de-la-ma-del-partit-socialista\/\" title=\"Gori Estarellas: \u201cValldemossa necessita un canvi que ha d\u2019arribar de la m\u00e0 del partit socialista\u201d\">Gori Estarellas: \u201cValldemossa necessita un canvi que ha d\u2019arribar de la m\u00e0 del partit socialista\u201d<\/a><\/h3>\n\t\t\t<\/header>\n\t\t<\/div>\n\t\t<div class=\"post-content\">\n\t\t\t<a href=\"https:\/\/www.psib-psoe.org\/mallorca\/gori-estarellas-valldemossa-necessita-un-canvi-que-ha-darribar-de-la-ma-del-partit-socialista\/\" class=\"more-link\">Read More<\/a>\n\t\t<\/div>\n\t\t\t<aside class=\"post-bottom-meta hide\">\n\t\t<strong rel=\"author\" itemprop=\"author\" class=\"author vcard\"><span class=\"fn\">Socialistes de Mallorca<\/span><\/strong>\n\t\t<time class=\"date published time\" datetime=\"2023-03-23T14:36:20+02:00\" itemprop=\"datePublished\" content=\"2023-03-23T14:36:20+02:00\">23\/03\/2023<\/time>\n\t\t<meta itemprop=\"dateModified\" class=\"date updated\" content=\"2023-03-23T14:36:20+02:00\">\n\t\t<span class=\"hide\" itemprop=\"publisher\" itemscope itemtype=\"https:\/\/schema.org\/Organization\">\n\t\t\t<meta itemprop=\"name\" content=\"SocialistesdMca\">\n\t\t\t<span itemprop=\"logo\" itemscope itemtype=\"https:\/\/schema.org\/ImageObject\">\n\t\t\t\t<meta itemprop=\"url\" content=\"https:\/\/www.psib-psoe.org\/mallorca\/wp-content\/themes\/notio-wp\/assets\/img\/logo.png\">\n\t\t\t<\/span>\n\t\t\t<meta itemprop=\"url\" content=\"https:\/\/www.psib-psoe.org\/mallorca\/\">\n\t\t<\/span>\n\t\t\t\t<span class=\"hide\" itemprop=\"image\" itemscope itemtype=\"http:\/\/schema.org\/ImageObject\">\n\t\t\t<meta itemprop=\"url\" content=\"https:\/\/www.psib-psoe.org\/mallorca\/wp-content\/uploads\/230323-Candidatura-Gori-Estarellas-VALLDEMOSSA.jpg\">\n\t\t\t<meta itemprop=\"width\" content=\"5001\">\n\t\t\t<meta itemprop=\"height\" content=\"3181\">\n\t\t<\/span>\n\t\t\t\t<meta itemscope itemprop=\"mainEntityOfPage\" itemtype=\"https:\/\/schema.org\/WebPage\" itemid=\"https:\/\/www.psib-psoe.org\/mallorca\/gori-estarellas-valldemossa-necessita-un-canvi-que-ha-darribar-de-la-ma-del-partit-socialista\/\">\n\t<\/aside>\n\t\t<\/article>\n<\/div>\n<div class=\"small-12 large-4 columns\">\n\t<article itemscope itemtype=\"http:\/\/schema.org\/Article\" class=\"post blog-style7 alt post-27428 type-post status-publish format-standard has-post-thumbnail hentry category-federacio-de-mallorca category-federacio-de-mallorca-portada category-portada\" role=\"article\">\n\t\t<figure class=\"post-gallery\"><img loading=\"lazy\" decoding=\"async\" width=\"600\" height=\"400\" src=\"https:\/\/www.psib-psoe.org\/mallorca\/wp-content\/uploads\/Xisco-Duarte_Felanitx-600x400.jpeg\" class=\"attachment-notio-general-x2 size-notio-general-x2 wp-post-image\" alt=\"\" srcset=\"https:\/\/www.psib-psoe.org\/mallorca\/wp-content\/uploads\/Xisco-Duarte_Felanitx-600x400.jpeg 600w, https:\/\/www.psib-psoe.org\/mallorca\/wp-content\/uploads\/Xisco-Duarte_Felanitx-300x200.jpeg 300w, https:\/\/www.psib-psoe.org\/mallorca\/wp-content\/uploads\/Xisco-Duarte_Felanitx-900x600.jpeg 900w, https:\/\/www.psib-psoe.org\/mallorca\/wp-content\/uploads\/Xisco-Duarte_Felanitx-20x13.jpeg 20w\" sizes=\"(max-width: 600px) 100vw, 600px\" \/><\/figure>\n\t\t<div class=\"blog-top\">\n\t\t\t<header class=\"post-title entry-header\">\n\t\t\t\t<aside class=\"post-meta cf\">\n\t\t21\/03\/2023 \/ <a href=\"https:\/\/www.psib-psoe.org\/mallorca\/category\/federacio-de-mallorca\/\" rel=\"category tag\">Federaci\u00f3 de Mallorca<\/a>, <a href=\"https:\/\/www.psib-psoe.org\/mallorca\/category\/federacio-de-mallorca-portada\/\" rel=\"category tag\">Federaci\u00f3 de Mallorca - Portada<\/a>, <a href=\"https:\/\/www.psib-psoe.org\/mallorca\/category\/portada\/\" rel=\"category tag\">Portada<\/a><\/aside>\n\t\t\t\t<h3 itemprop=\"headline\"><a href=\"https:\/\/www.psib-psoe.org\/mallorca\/el-psib-psoe-de-felanitx-acusa-el-pp-i-a-la-seu-portaveu-catalina-soler-de-no-voler-les-millores\/\" title=\"El PSIB-PSOE de Felanitx acusa el PP, i a la seva portaveu, Catalina Soler \u201cde no voler les millores que el Govern de les Illes Balears est\u00e0 impulsant en aquest municipi\u201d\">El PSIB-PSOE de Felanitx acusa el PP, i a la seva portaveu, Catalina Soler \u201cde no voler les millores que el Govern de les Illes Balears est\u00e0 impulsant en aquest municipi\u201d<\/a><\/h3>\n\t\t\t<\/header>\n\t\t<\/div>\n\t\t<div class=\"post-content\">\n\t\t\t<a href=\"https:\/\/www.psib-psoe.org\/mallorca\/el-psib-psoe-de-felanitx-acusa-el-pp-i-a-la-seu-portaveu-catalina-soler-de-no-voler-les-millores\/\" class=\"more-link\">Read More<\/a>\n\t\t<\/div>\n\t\t\t<aside class=\"post-bottom-meta hide\">\n\t\t<strong rel=\"author\" itemprop=\"author\" class=\"author vcard\"><span class=\"fn\">Albert<\/span><\/strong>\n\t\t<time class=\"date published time\" datetime=\"2023-03-21T19:50:19+02:00\" itemprop=\"datePublished\" content=\"2023-03-21T19:50:19+02:00\">21\/03\/2023<\/time>\n\t\t<meta itemprop=\"dateModified\" class=\"date updated\" content=\"2023-03-21T19:50:19+02:00\">\n\t\t<span class=\"hide\" itemprop=\"publisher\" itemscope itemtype=\"https:\/\/schema.org\/Organization\">\n\t\t\t<meta itemprop=\"name\" content=\"SocialistesdMca\">\n\t\t\t<span itemprop=\"logo\" itemscope itemtype=\"https:\/\/schema.org\/ImageObject\">\n\t\t\t\t<meta itemprop=\"url\" content=\"https:\/\/www.psib-psoe.org\/mallorca\/wp-content\/themes\/notio-wp\/assets\/img\/logo.png\">\n\t\t\t<\/span>\n\t\t\t<meta itemprop=\"url\" content=\"https:\/\/www.psib-psoe.org\/mallorca\/\">\n\t\t<\/span>\n\t\t\t\t<span class=\"hide\" itemprop=\"image\" itemscope itemtype=\"http:\/\/schema.org\/ImageObject\">\n\t\t\t<meta itemprop=\"url\" content=\"https:\/\/www.psib-psoe.org\/mallorca\/wp-content\/uploads\/Xisco-Duarte_Felanitx.jpeg\">\n\t\t\t<meta itemprop=\"width\" content=\"2048\">\n\t\t\t<meta itemprop=\"height\" content=\"1536\">\n\t\t<\/span>\n\t\t\t\t<meta itemscope itemprop=\"mainEntityOfPage\" itemtype=\"https:\/\/schema.org\/WebPage\" itemid=\"https:\/\/www.psib-psoe.org\/mallorca\/el-psib-psoe-de-felanitx-acusa-el-pp-i-a-la-seu-portaveu-catalina-soler-de-no-voler-les-millores\/\">\n\t<\/aside>\n\t\t<\/article>\n<\/div>\n<div class=\"small-12 large-4 columns\">\n\t<article itemscope itemtype=\"http:\/\/schema.org\/Article\" class=\"post blog-style7 alt post-27425 type-post status-publish format-standard has-post-thumbnail hentry category-federacio-de-mallorca category-federacio-de-mallorca-portada category-portada\" role=\"article\">\n\t\t<figure class=\"post-gallery\"><img loading=\"lazy\" decoding=\"async\" width=\"600\" height=\"400\" src=\"https:\/\/www.psib-psoe.org\/mallorca\/wp-content\/uploads\/Presentaci\u00f3-candidat-Montu\u00efri-600x400.jpeg\" class=\"attachment-notio-general-x2 size-notio-general-x2 wp-post-image\" alt=\"\" srcset=\"https:\/\/www.psib-psoe.org\/mallorca\/wp-content\/uploads\/Presentaci\u00f3-candidat-Montu\u00efri-600x400.jpeg 600w, https:\/\/www.psib-psoe.org\/mallorca\/wp-content\/uploads\/Presentaci\u00f3-candidat-Montu\u00efri-300x200.jpeg 300w, https:\/\/www.psib-psoe.org\/mallorca\/wp-content\/uploads\/Presentaci\u00f3-candidat-Montu\u00efri-900x600.jpeg 900w, https:\/\/www.psib-psoe.org\/mallorca\/wp-content\/uploads\/Presentaci\u00f3-candidat-Montu\u00efri-20x13.jpeg 20w\" sizes=\"(max-width: 600px) 100vw, 600px\" \/><\/figure>\n\t\t<div class=\"blog-top\">\n\t\t\t<header class=\"post-title entry-header\">\n\t\t\t\t<aside class=\"post-meta cf\">\n\t\t19\/03\/2023 \/ <a href=\"https:\/\/www.psib-psoe.org\/mallorca\/category\/federacio-de-mallorca\/\" rel=\"category tag\">Federaci\u00f3 de Mallorca<\/a>, <a href=\"https:\/\/www.psib-psoe.org\/mallorca\/category\/federacio-de-mallorca-portada\/\" rel=\"category tag\">Federaci\u00f3 de Mallorca - Portada<\/a>, <a href=\"https:\/\/www.psib-psoe.org\/mallorca\/category\/portada\/\" rel=\"category tag\">Portada<\/a><\/aside>\n\t\t\t\t<h3 itemprop=\"headline\"><a href=\"https:\/\/www.psib-psoe.org\/mallorca\/catalina-cladera-toni-miralles-es-el-millor-batle-que-pot-tenir-montuiri-i-estic-convencuda-que-ell-millorara-la-vida-dels-ciutadans-i-ciutadanes-daquest-poble\/\" title=\"Catalina Cladera: \u201cToni Miralles \u00e9s el millor batle que pot tenir Montu\u00efri i estic conven\u00e7uda que ell millorar\u00e0 la vida dels ciutadans i ciutadanes d\u2019aquest poble\u201d\">Catalina Cladera: \u201cToni Miralles \u00e9s el millor batle que pot tenir Montu\u00efri i estic conven\u00e7uda que ell millorar\u00e0 la vida dels ciutadans i ciutadanes d\u2019aquest poble\u201d<\/a><\/h3>\n\t\t\t<\/header>\n\t\t<\/div>\n\t\t<div class=\"post-content\">\n\t\t\t<a href=\"https:\/\/www.psib-psoe.org\/mallorca\/catalina-cladera-toni-miralles-es-el-millor-batle-que-pot-tenir-montuiri-i-estic-convencuda-que-ell-millorara-la-vida-dels-ciutadans-i-ciutadanes-daquest-poble\/\" class=\"more-link\">Read More<\/a>\n\t\t<\/div>\n\t\t\t<aside class=\"post-bottom-meta hide\">\n\t\t<strong rel=\"author\" itemprop=\"author\" class=\"author vcard\"><span class=\"fn\">Marc<\/span><\/strong>\n\t\t<time class=\"date published time\" datetime=\"2023-03-19T14:45:31+02:00\" itemprop=\"datePublished\" content=\"2023-03-19T14:45:31+02:00\">19\/03\/2023<\/time>\n\t\t<meta itemprop=\"dateModified\" class=\"date updated\" content=\"2023-03-19T14:45:31+02:00\">\n\t\t<span class=\"hide\" itemprop=\"publisher\" itemscope itemtype=\"https:\/\/schema.org\/Organization\">\n\t\t\t<meta itemprop=\"name\" content=\"SocialistesdMca\">\n\t\t\t<span itemprop=\"logo\" itemscope itemtype=\"https:\/\/schema.org\/ImageObject\">\n\t\t\t\t<meta itemprop=\"url\" content=\"https:\/\/www.psib-psoe.org\/mallorca\/wp-content\/themes\/notio-wp\/assets\/img\/logo.png\">\n\t\t\t<\/span>\n\t\t\t<meta itemprop=\"url\" content=\"https:\/\/www.psib-psoe.org\/mallorca\/\">\n\t\t<\/span>\n\t\t\t\t<span class=\"hide\" itemprop=\"image\" itemscope itemtype=\"http:\/\/schema.org\/ImageObject\">\n\t\t\t<meta itemprop=\"url\" content=\"https:\/\/www.psib-psoe.org\/mallorca\/wp-content\/uploads\/Presentaci\u00f3-candidat-Montu\u00efri.jpeg\">\n\t\t\t<meta itemprop=\"width\" content=\"1024\">\n\t\t\t<meta itemprop=\"height\" content=\"768\">\n\t\t<\/span>\n\t\t\t\t<meta itemscope itemprop=\"mainEntityOfPage\" itemtype=\"https:\/\/schema.org\/WebPage\" itemid=\"https:\/\/www.psib-psoe.org\/mallorca\/catalina-cladera-toni-miralles-es-el-millor-batle-que-pot-tenir-montuiri-i-estic-convencuda-que-ell-millorara-la-vida-dels-ciutadans-i-ciutadanes-daquest-poble\/\">\n\t<\/aside>\n\t\t<\/article>\n<\/div>\n<div class=\"small-12 large-4 columns\">\n\t<article itemscope itemtype=\"http:\/\/schema.org\/Article\" class=\"post blog-style7 alt post-27420 type-post status-publish format-standard has-post-thumbnail hentry category-federacio-de-mallorca category-federacio-de-mallorca-portada category-municipis category-portada tag-catalina-cladera tag-pep-lluis-urraca tag-psib-psoe tag-santa-eugenia\" role=\"article\">\n\t\t<figure class=\"post-gallery\"><img loading=\"lazy\" decoding=\"async\" width=\"600\" height=\"400\" src=\"https:\/\/www.psib-psoe.org\/mallorca\/wp-content\/uploads\/170323-Candidatura-Pep-Lluis-Urraca-Santa-Euge\u0300nia-600x400.jpg\" class=\"attachment-notio-general-x2 size-notio-general-x2 wp-post-image\" alt=\"\" srcset=\"https:\/\/www.psib-psoe.org\/mallorca\/wp-content\/uploads\/170323-Candidatura-Pep-Lluis-Urraca-Santa-Euge\u0300nia-600x400.jpg 600w, https:\/\/www.psib-psoe.org\/mallorca\/wp-content\/uploads\/170323-Candidatura-Pep-Lluis-Urraca-Santa-Euge\u0300nia-300x200.jpg 300w, https:\/\/www.psib-psoe.org\/mallorca\/wp-content\/uploads\/170323-Candidatura-Pep-Lluis-Urraca-Santa-Euge\u0300nia-20x13.jpg 20w, https:\/\/www.psib-psoe.org\/mallorca\/wp-content\/uploads\/170323-Candidatura-Pep-Lluis-Urraca-Santa-Euge\u0300nia-900x600.jpg 900w\" sizes=\"(max-width: 600px) 100vw, 600px\" \/><\/figure>\n\t\t<div class=\"blog-top\">\n\t\t\t<header class=\"post-title entry-header\">\n\t\t\t\t<aside class=\"post-meta cf\">\n\t\t17\/03\/2023 \/ <a href=\"https:\/\/www.psib-psoe.org\/mallorca\/category\/federacio-de-mallorca\/\" rel=\"category tag\">Federaci\u00f3 de Mallorca<\/a>, <a href=\"https:\/\/www.psib-psoe.org\/mallorca\/category\/federacio-de-mallorca-portada\/\" rel=\"category tag\">Federaci\u00f3 de Mallorca - Portada<\/a>, <a href=\"https:\/\/www.psib-psoe.org\/mallorca\/category\/municipis\/\" rel=\"category tag\">Municipis<\/a>, <a href=\"https:\/\/www.psib-psoe.org\/mallorca\/category\/portada\/\" rel=\"category tag\">Portada<\/a><\/aside>\n\t\t\t\t<h3 itemprop=\"headline\"><a href=\"https:\/\/www.psib-psoe.org\/mallorca\/pep-lluis-urraca-anuncia-davant-mes-de-100-persones-la-seva-candidatura-a-la-batlia-de-santa-eugenia\/\" title=\"Pep Lluis Urraca anuncia davant m\u00e9s de 100 persones la seva candidatura a la batlia de Santa Eug\u00e8nia\">Pep Lluis Urraca anuncia davant m\u00e9s de 100 persones la seva candidatura a la batlia de Santa Eug\u00e8nia<\/a><\/h3>\n\t\t\t<\/header>\n\t\t<\/div>\n\t\t<div class=\"post-content\">\n\t\t\t<a href=\"https:\/\/www.psib-psoe.org\/mallorca\/pep-lluis-urraca-anuncia-davant-mes-de-100-persones-la-seva-candidatura-a-la-batlia-de-santa-eugenia\/\" class=\"more-link\">Read More<\/a>\n\t\t<\/div>\n\t\t\t<aside class=\"post-bottom-meta hide\">\n\t\t<strong rel=\"author\" itemprop=\"author\" class=\"author vcard\"><span class=\"fn\">Socialistes de Mallorca<\/span><\/strong>\n\t\t<time class=\"date published time\" datetime=\"2023-03-17T22:43:48+02:00\" itemprop=\"datePublished\" content=\"2023-03-17T22:43:48+02:00\">17\/03\/2023<\/time>\n\t\t<meta itemprop=\"dateModified\" class=\"date updated\" content=\"2023-03-17T22:43:48+02:00\">\n\t\t<span class=\"hide\" itemprop=\"publisher\" itemscope itemtype=\"https:\/\/schema.org\/Organization\">\n\t\t\t<meta itemprop=\"name\" content=\"SocialistesdMca\">\n\t\t\t<span itemprop=\"logo\" itemscope itemtype=\"https:\/\/schema.org\/ImageObject\">\n\t\t\t\t<meta itemprop=\"url\" content=\"https:\/\/www.psib-psoe.org\/mallorca\/wp-content\/themes\/notio-wp\/assets\/img\/logo.png\">\n\t\t\t<\/span>\n\t\t\t<meta itemprop=\"url\" content=\"https:\/\/www.psib-psoe.org\/mallorca\/\">\n\t\t<\/span>\n\t\t\t\t<span class=\"hide\" itemprop=\"image\" itemscope itemtype=\"http:\/\/schema.org\/ImageObject\">\n\t\t\t<meta itemprop=\"url\" content=\"https:\/\/www.psib-psoe.org\/mallorca\/wp-content\/uploads\/170323-Candidatura-Pep-Lluis-Urraca-Santa-Euge\u0300nia.jpg\">\n\t\t\t<meta itemprop=\"width\" content=\"5191\">\n\t\t\t<meta itemprop=\"height\" content=\"3104\">\n\t\t<\/span>\n\t\t\t\t<meta itemscope itemprop=\"mainEntityOfPage\" itemtype=\"https:\/\/schema.org\/WebPage\" itemid=\"https:\/\/www.psib-psoe.org\/mallorca\/pep-lluis-urraca-anuncia-davant-mes-de-100-persones-la-seva-candidatura-a-la-batlia-de-santa-eugenia\/\">\n\t<\/aside>\n\t\t<\/article>\n<\/div>\n<div class=\"small-12 large-4 columns\">\n\t<article itemscope itemtype=\"http:\/\/schema.org\/Article\" class=\"post blog-style7 alt post-27408 type-post status-publish format-standard has-post-thumbnail hentry category-federacio-de-mallorca category-municipis category-portada tag-arrom tag-catalina-cladera tag-lloret\" role=\"article\">\n\t\t<figure class=\"post-gallery\"><img loading=\"lazy\" decoding=\"async\" width=\"600\" height=\"400\" src=\"https:\/\/www.psib-psoe.org\/mallorca\/wp-content\/uploads\/Cladera-Arrom-Alonso_2-600x400.jpg\" class=\"attachment-notio-general-x2 size-notio-general-x2 wp-post-image\" alt=\"\" srcset=\"https:\/\/www.psib-psoe.org\/mallorca\/wp-content\/uploads\/Cladera-Arrom-Alonso_2-600x400.jpg 600w, https:\/\/www.psib-psoe.org\/mallorca\/wp-content\/uploads\/Cladera-Arrom-Alonso_2-300x200.jpg 300w, https:\/\/www.psib-psoe.org\/mallorca\/wp-content\/uploads\/Cladera-Arrom-Alonso_2-900x600.jpg 900w, https:\/\/www.psib-psoe.org\/mallorca\/wp-content\/uploads\/Cladera-Arrom-Alonso_2-20x13.jpg 20w\" sizes=\"(max-width: 600px) 100vw, 600px\" \/><\/figure>\n\t\t<div class=\"blog-top\">\n\t\t\t<header class=\"post-title entry-header\">\n\t\t\t\t<aside class=\"post-meta cf\">\n\t\t12\/03\/2023 \/ <a href=\"https:\/\/www.psib-psoe.org\/mallorca\/category\/federacio-de-mallorca\/\" rel=\"category tag\">Federaci\u00f3 de Mallorca<\/a>, <a href=\"https:\/\/www.psib-psoe.org\/mallorca\/category\/municipis\/\" rel=\"category tag\">Municipis<\/a>, <a href=\"https:\/\/www.psib-psoe.org\/mallorca\/category\/portada\/\" rel=\"category tag\">Portada<\/a><\/aside>\n\t\t\t\t<h3 itemprop=\"headline\"><a href=\"https:\/\/www.psib-psoe.org\/mallorca\/catalina-cladera-xisco-arrom-es-un-gran-candidat-per-a-lloret\/\" title=\"Catalina Cladera: \u201cXisco Arrom \u00e9s un gran candidat per a Lloret perqu\u00e8 demostra cada dia el seu comprom\u00eds i generositat amb els ve\u00efns del poble\u201d\">Catalina Cladera: \u201cXisco Arrom \u00e9s un gran candidat per a Lloret perqu\u00e8 demostra cada dia el seu comprom\u00eds i generositat amb els ve\u00efns del poble\u201d<\/a><\/h3>\n\t\t\t<\/header>\n\t\t<\/div>\n\t\t<div class=\"post-content\">\n\t\t\t<a href=\"https:\/\/www.psib-psoe.org\/mallorca\/catalina-cladera-xisco-arrom-es-un-gran-candidat-per-a-lloret\/\" class=\"more-link\">Read More<\/a>\n\t\t<\/div>\n\t\t\t<aside class=\"post-bottom-meta hide\">\n\t\t<strong rel=\"author\" itemprop=\"author\" class=\"author vcard\"><span class=\"fn\">Albert<\/span><\/strong>\n\t\t<time class=\"date published time\" datetime=\"2023-03-12T15:03:53+02:00\" itemprop=\"datePublished\" content=\"2023-03-12T15:03:53+02:00\">12\/03\/2023<\/time>\n\t\t<meta itemprop=\"dateModified\" class=\"date updated\" content=\"2023-03-12T15:03:53+02:00\">\n\t\t<span class=\"hide\" itemprop=\"publisher\" itemscope itemtype=\"https:\/\/schema.org\/Organization\">\n\t\t\t<meta itemprop=\"name\" content=\"SocialistesdMca\">\n\t\t\t<span itemprop=\"logo\" itemscope itemtype=\"https:\/\/schema.org\/ImageObject\">\n\t\t\t\t<meta itemprop=\"url\" content=\"https:\/\/www.psib-psoe.org\/mallorca\/wp-content\/themes\/notio-wp\/assets\/img\/logo.png\">\n\t\t\t<\/span>\n\t\t\t<meta itemprop=\"url\" content=\"https:\/\/www.psib-psoe.org\/mallorca\/\">\n\t\t<\/span>\n\t\t\t\t<span class=\"hide\" itemprop=\"image\" itemscope itemtype=\"http:\/\/schema.org\/ImageObject\">\n\t\t\t<meta itemprop=\"url\" content=\"https:\/\/www.psib-psoe.org\/mallorca\/wp-content\/uploads\/Cladera-Arrom-Alonso_2.jpg\">\n\t\t\t<meta itemprop=\"width\" content=\"4032\">\n\t\t\t<meta itemprop=\"height\" content=\"3024\">\n\t\t<\/span>\n\t\t\t\t<meta itemscope itemprop=\"mainEntityOfPage\" itemtype=\"https:\/\/schema.org\/WebPage\" itemid=\"https:\/\/www.psib-psoe.org\/mallorca\/catalina-cladera-xisco-arrom-es-un-gran-candidat-per-a-lloret\/\">\n\t<\/aside>\n\t\t<\/article>\n<\/div>\n<div class=\"small-12 large-4 columns\">\n\t<article itemscope itemtype=\"http:\/\/schema.org\/Article\" class=\"post blog-style7 alt post-27405 type-post status-publish format-standard has-post-thumbnail hentry category-federacio-de-mallorca category-portada\" role=\"article\">\n\t\t<figure class=\"post-gallery\"><img loading=\"lazy\" decoding=\"async\" width=\"600\" height=\"400\" src=\"https:\/\/www.psib-psoe.org\/mallorca\/wp-content\/uploads\/XXII-PREMI-MARIA-PLAZA-600x400.jpeg\" class=\"attachment-notio-general-x2 size-notio-general-x2 wp-post-image\" alt=\"\" srcset=\"https:\/\/www.psib-psoe.org\/mallorca\/wp-content\/uploads\/XXII-PREMI-MARIA-PLAZA-600x400.jpeg 600w, https:\/\/www.psib-psoe.org\/mallorca\/wp-content\/uploads\/XXII-PREMI-MARIA-PLAZA-300x200.jpeg 300w, https:\/\/www.psib-psoe.org\/mallorca\/wp-content\/uploads\/XXII-PREMI-MARIA-PLAZA-900x600.jpeg 900w, https:\/\/www.psib-psoe.org\/mallorca\/wp-content\/uploads\/XXII-PREMI-MARIA-PLAZA-20x13.jpeg 20w\" sizes=\"(max-width: 600px) 100vw, 600px\" \/><\/figure>\n\t\t<div class=\"blog-top\">\n\t\t\t<header class=\"post-title entry-header\">\n\t\t\t\t<aside class=\"post-meta cf\">\n\t\t11\/03\/2023 \/ <a href=\"https:\/\/www.psib-psoe.org\/mallorca\/category\/federacio-de-mallorca\/\" rel=\"category tag\">Federaci\u00f3 de Mallorca<\/a>, <a href=\"https:\/\/www.psib-psoe.org\/mallorca\/category\/portada\/\" rel=\"category tag\">Portada<\/a><\/aside>\n\t\t\t\t<h3 itemprop=\"headline\"><a href=\"https:\/\/www.psib-psoe.org\/mallorca\/els-socialistes-de-mallorca-atorguen-el-xxii-premi-maria-plaza-al-projecte-feminisme-a-lescola-que-te-lobjectiu-dacabar-amb-la-violencia-masclista-a-partir\/\" title=\"Els Socialistes de Mallorca atorguen el XXII Premi Maria Plaza al projecte \u2018Feminisme a l\u2019escola\u2019 que t\u00e9 l\u2019objectiu d\u2019acabar amb la viol\u00e8ncia masclista a partir de la coeducaci\u00f3\">Els Socialistes de Mallorca atorguen el XXII Premi Maria Plaza al projecte \u2018Feminisme a l\u2019escola\u2019 que t\u00e9 l\u2019objectiu d\u2019acabar amb la viol\u00e8ncia masclista a partir de la coeducaci\u00f3<\/a><\/h3>\n\t\t\t<\/header>\n\t\t<\/div>\n\t\t<div class=\"post-content\">\n\t\t\t<a href=\"https:\/\/www.psib-psoe.org\/mallorca\/els-socialistes-de-mallorca-atorguen-el-xxii-premi-maria-plaza-al-projecte-feminisme-a-lescola-que-te-lobjectiu-dacabar-amb-la-violencia-masclista-a-partir\/\" class=\"more-link\">Read More<\/a>\n\t\t<\/div>\n\t\t\t<aside class=\"post-bottom-meta hide\">\n\t\t<strong rel=\"author\" itemprop=\"author\" class=\"author vcard\"><span class=\"fn\">Marc<\/span><\/strong>\n\t\t<time class=\"date published time\" datetime=\"2023-03-11T23:04:01+02:00\" itemprop=\"datePublished\" content=\"2023-03-11T23:04:01+02:00\">11\/03\/2023<\/time>\n\t\t<meta itemprop=\"dateModified\" class=\"date updated\" content=\"2023-03-11T23:04:01+02:00\">\n\t\t<span class=\"hide\" itemprop=\"publisher\" itemscope itemtype=\"https:\/\/schema.org\/Organization\">\n\t\t\t<meta itemprop=\"name\" content=\"SocialistesdMca\">\n\t\t\t<span itemprop=\"logo\" itemscope itemtype=\"https:\/\/schema.org\/ImageObject\">\n\t\t\t\t<meta itemprop=\"url\" content=\"https:\/\/www.psib-psoe.org\/mallorca\/wp-content\/themes\/notio-wp\/assets\/img\/logo.png\">\n\t\t\t<\/span>\n\t\t\t<meta itemprop=\"url\" content=\"https:\/\/www.psib-psoe.org\/mallorca\/\">\n\t\t<\/span>\n\t\t\t\t<span class=\"hide\" itemprop=\"image\" itemscope itemtype=\"http:\/\/schema.org\/ImageObject\">\n\t\t\t<meta itemprop=\"url\" content=\"https:\/\/www.psib-psoe.org\/mallorca\/wp-content\/uploads\/XXII-PREMI-MARIA-PLAZA.jpeg\">\n\t\t\t<meta itemprop=\"width\" content=\"2048\">\n\t\t\t<meta itemprop=\"height\" content=\"1536\">\n\t\t<\/span>\n\t\t\t\t<meta itemscope itemprop=\"mainEntityOfPage\" itemtype=\"https:\/\/schema.org\/WebPage\" itemid=\"https:\/\/www.psib-psoe.org\/mallorca\/els-socialistes-de-mallorca-atorguen-el-xxii-premi-maria-plaza-al-projecte-feminisme-a-lescola-que-te-lobjectiu-dacabar-amb-la-violencia-masclista-a-partir\/\">\n\t<\/aside>\n\t\t<\/article>\n<\/div>\n<div class=\"small-12 large-4 columns\">\n\t<article itemscope itemtype=\"http:\/\/schema.org\/Article\" class=\"post blog-style7 alt post-27401 type-post status-publish format-standard has-post-thumbnail hentry category-federacio-de-mallorca category-federacio-de-mallorca-portada category-municipis category-portada tag-agrupacio-socialista-de-santanyi tag-psib-psoe tag-santanyi tag-tino-davia\" role=\"article\">\n\t\t<figure class=\"post-gallery\"><img loading=\"lazy\" decoding=\"async\" width=\"600\" height=\"400\" src=\"https:\/\/www.psib-psoe.org\/mallorca\/wp-content\/uploads\/100323-Candidatura-Tino-Davia-SANTANYI\u0301-1-600x400.jpeg\" class=\"attachment-notio-general-x2 size-notio-general-x2 wp-post-image\" alt=\"\" srcset=\"https:\/\/www.psib-psoe.org\/mallorca\/wp-content\/uploads\/100323-Candidatura-Tino-Davia-SANTANYI\u0301-1-600x400.jpeg 600w, https:\/\/www.psib-psoe.org\/mallorca\/wp-content\/uploads\/100323-Candidatura-Tino-Davia-SANTANYI\u0301-1-300x200.jpeg 300w, https:\/\/www.psib-psoe.org\/mallorca\/wp-content\/uploads\/100323-Candidatura-Tino-Davia-SANTANYI\u0301-1-900x600.jpeg 900w, https:\/\/www.psib-psoe.org\/mallorca\/wp-content\/uploads\/100323-Candidatura-Tino-Davia-SANTANYI\u0301-1-20x13.jpeg 20w\" sizes=\"(max-width: 600px) 100vw, 600px\" \/><\/figure>\n\t\t<div class=\"blog-top\">\n\t\t\t<header class=\"post-title entry-header\">\n\t\t\t\t<aside class=\"post-meta cf\">\n\t\t10\/03\/2023 \/ <a href=\"https:\/\/www.psib-psoe.org\/mallorca\/category\/federacio-de-mallorca\/\" rel=\"category tag\">Federaci\u00f3 de Mallorca<\/a>, <a href=\"https:\/\/www.psib-psoe.org\/mallorca\/category\/federacio-de-mallorca-portada\/\" rel=\"category tag\">Federaci\u00f3 de Mallorca - Portada<\/a>, <a href=\"https:\/\/www.psib-psoe.org\/mallorca\/category\/municipis\/\" rel=\"category tag\">Municipis<\/a>, <a href=\"https:\/\/www.psib-psoe.org\/mallorca\/category\/portada\/\" rel=\"category tag\">Portada<\/a><\/aside>\n\t\t\t\t<h3 itemprop=\"headline\"><a href=\"https:\/\/www.psib-psoe.org\/mallorca\/tino-davia-presenta-la-seva-candidatura-pel-psib-psoe-a-la-batlia-de-santanyi\/\" title=\"Tino Davia presenta la seva candidatura pel PSIB-PSOE a la batlia de Santany\u00ed\">Tino Davia presenta la seva candidatura pel PSIB-PSOE a la batlia de Santany\u00ed<\/a><\/h3>\n\t\t\t<\/header>\n\t\t<\/div>\n\t\t<div class=\"post-content\">\n\t\t\t<a href=\"https:\/\/www.psib-psoe.org\/mallorca\/tino-davia-presenta-la-seva-candidatura-pel-psib-psoe-a-la-batlia-de-santanyi\/\" class=\"more-link\">Read More<\/a>\n\t\t<\/div>\n\t\t\t<aside class=\"post-bottom-meta hide\">\n\t\t<strong rel=\"author\" itemprop=\"author\" class=\"author vcard\"><span class=\"fn\">Socialistes de Mallorca<\/span><\/strong>\n\t\t<time class=\"date published time\" datetime=\"2023-03-10T13:38:16+02:00\" itemprop=\"datePublished\" content=\"2023-03-10T13:38:16+02:00\">10\/03\/2023<\/time>\n\t\t<meta itemprop=\"dateModified\" class=\"date updated\" content=\"2023-03-10T13:38:16+02:00\">\n\t\t<span class=\"hide\" itemprop=\"publisher\" itemscope itemtype=\"https:\/\/schema.org\/Organization\">\n\t\t\t<meta itemprop=\"name\" content=\"SocialistesdMca\">\n\t\t\t<span itemprop=\"logo\" itemscope itemtype=\"https:\/\/schema.org\/ImageObject\">\n\t\t\t\t<meta itemprop=\"url\" content=\"https:\/\/www.psib-psoe.org\/mallorca\/wp-content\/themes\/notio-wp\/assets\/img\/logo.png\">\n\t\t\t<\/span>\n\t\t\t<meta itemprop=\"url\" content=\"https:\/\/www.psib-psoe.org\/mallorca\/\">\n\t\t<\/span>\n\t\t\t\t<span class=\"hide\" itemprop=\"image\" itemscope itemtype=\"http:\/\/schema.org\/ImageObject\">\n\t\t\t<meta itemprop=\"url\" content=\"https:\/\/www.psib-psoe.org\/mallorca\/wp-content\/uploads\/100323-Candidatura-Tino-Davia-SANTANYI\u0301-1.jpeg\">\n\t\t\t<meta itemprop=\"width\" content=\"1599\">\n\t\t\t<meta itemprop=\"height\" content=\"899\">\n\t\t<\/span>\n\t\t\t\t<meta itemscope itemprop=\"mainEntityOfPage\" itemtype=\"https:\/\/schema.org\/WebPage\" itemid=\"https:\/\/www.psib-psoe.org\/mallorca\/tino-davia-presenta-la-seva-candidatura-pel-psib-psoe-a-la-batlia-de-santanyi\/\">\n\t<\/aside>\n\t\t<\/article>\n<\/div>\n<div class=\"small-12 large-4 columns\">\n\t<article itemscope itemtype=\"http:\/\/schema.org\/Article\" class=\"post blog-style7 alt post-27391 type-post status-publish format-standard has-post-thumbnail hentry category-federacio-de-mallorca category-federacio-de-mallorca-portada category-municipis category-portada tag-agrupacio-socialista-de-bunyola tag-andreu-alcover tag-bunyola tag-carles-bona tag-miquel-palou tag-psib-psoe tag-sandra-llop tag-tolo-aguilar\" role=\"article\">\n\t\t<figure class=\"post-gallery\"><img loading=\"lazy\" decoding=\"async\" width=\"600\" height=\"400\" src=\"https:\/\/www.psib-psoe.org\/mallorca\/wp-content\/uploads\/070323-Candidatura-Miquel-Palou-Bunyola-2-600x400.jpeg\" class=\"attachment-notio-general-x2 size-notio-general-x2 wp-post-image\" alt=\"\" srcset=\"https:\/\/www.psib-psoe.org\/mallorca\/wp-content\/uploads\/070323-Candidatura-Miquel-Palou-Bunyola-2-600x400.jpeg 600w, https:\/\/www.psib-psoe.org\/mallorca\/wp-content\/uploads\/070323-Candidatura-Miquel-Palou-Bunyola-2-300x200.jpeg 300w, https:\/\/www.psib-psoe.org\/mallorca\/wp-content\/uploads\/070323-Candidatura-Miquel-Palou-Bunyola-2-900x600.jpeg 900w, https:\/\/www.psib-psoe.org\/mallorca\/wp-content\/uploads\/070323-Candidatura-Miquel-Palou-Bunyola-2-20x13.jpeg 20w\" sizes=\"(max-width: 600px) 100vw, 600px\" \/><\/figure>\n\t\t<div class=\"blog-top\">\n\t\t\t<header class=\"post-title entry-header\">\n\t\t\t\t<aside class=\"post-meta cf\">\n\t\t07\/03\/2023 \/ <a href=\"https:\/\/www.psib-psoe.org\/mallorca\/category\/federacio-de-mallorca\/\" rel=\"category tag\">Federaci\u00f3 de Mallorca<\/a>, <a href=\"https:\/\/www.psib-psoe.org\/mallorca\/category\/federacio-de-mallorca-portada\/\" rel=\"category tag\">Federaci\u00f3 de Mallorca - Portada<\/a>, <a href=\"https:\/\/www.psib-psoe.org\/mallorca\/category\/municipis\/\" rel=\"category tag\">Municipis<\/a>, <a href=\"https:\/\/www.psib-psoe.org\/mallorca\/category\/portada\/\" rel=\"category tag\">Portada<\/a><\/aside>\n\t\t\t\t<h3 itemprop=\"headline\"><a href=\"https:\/\/www.psib-psoe.org\/mallorca\/miquel-palou-anuncii-la-meva-candidatura-a-la-batlia-de-bunyola-per-aportar-un-aire-fresc-i-renovat-al-poble\/\" title=\"Miquel Palou: \u201cAnunci\u00ef la meva candidatura a la batlia de Bunyola per aportar un aire fresc i renovat al poble\u201d\">Miquel Palou: \u201cAnunci\u00ef la meva candidatura a la batlia de Bunyola per aportar un aire fresc i renovat al poble\u201d<\/a><\/h3>\n\t\t\t<\/header>\n\t\t<\/div>\n\t\t<div class=\"post-content\">\n\t\t\t<a href=\"https:\/\/www.psib-psoe.org\/mallorca\/miquel-palou-anuncii-la-meva-candidatura-a-la-batlia-de-bunyola-per-aportar-un-aire-fresc-i-renovat-al-poble\/\" class=\"more-link\">Read More<\/a>\n\t\t<\/div>\n\t\t\t<aside class=\"post-bottom-meta hide\">\n\t\t<strong rel=\"author\" itemprop=\"author\" class=\"author vcard\"><span class=\"fn\">Socialistes de Mallorca<\/span><\/strong>\n\t\t<time class=\"date published time\" datetime=\"2023-03-07T13:20:30+02:00\" itemprop=\"datePublished\" content=\"2023-03-07T13:20:30+02:00\">07\/03\/2023<\/time>\n\t\t<meta itemprop=\"dateModified\" class=\"date updated\" content=\"2023-03-07T13:20:30+02:00\">\n\t\t<span class=\"hide\" itemprop=\"publisher\" itemscope itemtype=\"https:\/\/schema.org\/Organization\">\n\t\t\t<meta itemprop=\"name\" content=\"SocialistesdMca\">\n\t\t\t<span itemprop=\"logo\" itemscope itemtype=\"https:\/\/schema.org\/ImageObject\">\n\t\t\t\t<meta itemprop=\"url\" content=\"https:\/\/www.psib-psoe.org\/mallorca\/wp-content\/themes\/notio-wp\/assets\/img\/logo.png\">\n\t\t\t<\/span>\n\t\t\t<meta itemprop=\"url\" content=\"https:\/\/www.psib-psoe.org\/mallorca\/\">\n\t\t<\/span>\n\t\t\t\t<span class=\"hide\" itemprop=\"image\" itemscope itemtype=\"http:\/\/schema.org\/ImageObject\">\n\t\t\t<meta itemprop=\"url\" content=\"https:\/\/www.psib-psoe.org\/mallorca\/wp-content\/uploads\/070323-Candidatura-Miquel-Palou-Bunyola-2.jpeg\">\n\t\t\t<meta itemprop=\"width\" content=\"2048\">\n\t\t\t<meta itemprop=\"height\" content=\"1536\">\n\t\t<\/span>\n\t\t\t\t<meta itemscope itemprop=\"mainEntityOfPage\" itemtype=\"https:\/\/schema.org\/WebPage\" itemid=\"https:\/\/www.psib-psoe.org\/mallorca\/miquel-palou-anuncii-la-meva-candidatura-a-la-batlia-de-bunyola-per-aportar-un-aire-fresc-i-renovat-al-poble\/\">\n\t<\/aside>\n\t\t<\/article>\n<\/div>\n<div class=\"small-12 large-4 columns\">\n\t<article itemscope itemtype=\"http:\/\/schema.org\/Article\" class=\"post blog-style7 alt post-27385 type-post status-publish format-standard has-post-thumbnail hentry category-federacio-de-mallorca category-municipis tag-agrupacio-socialista-dariany tag-ariany tag-catalina-cladera tag-pau-llado tag-psib-psoe\" role=\"article\">\n\t\t<figure class=\"post-gallery\"><img loading=\"lazy\" decoding=\"async\" width=\"600\" height=\"400\" src=\"https:\/\/www.psib-psoe.org\/mallorca\/wp-content\/uploads\/060323-Candidatura-Pau-Llado\u0301-Ariany-600x400.jpeg\" class=\"attachment-notio-general-x2 size-notio-general-x2 wp-post-image\" alt=\"\" srcset=\"https:\/\/www.psib-psoe.org\/mallorca\/wp-content\/uploads\/060323-Candidatura-Pau-Llado\u0301-Ariany-600x400.jpeg 600w, https:\/\/www.psib-psoe.org\/mallorca\/wp-content\/uploads\/060323-Candidatura-Pau-Llado\u0301-Ariany-300x200.jpeg 300w, https:\/\/www.psib-psoe.org\/mallorca\/wp-content\/uploads\/060323-Candidatura-Pau-Llado\u0301-Ariany-900x600.jpeg 900w, https:\/\/www.psib-psoe.org\/mallorca\/wp-content\/uploads\/060323-Candidatura-Pau-Llado\u0301-Ariany-20x13.jpeg 20w\" sizes=\"(max-width: 600px) 100vw, 600px\" \/><\/figure>\n\t\t<div class=\"blog-top\">\n\t\t\t<header class=\"post-title entry-header\">\n\t\t\t\t<aside class=\"post-meta cf\">\n\t\t06\/03\/2023 \/ <a href=\"https:\/\/www.psib-psoe.org\/mallorca\/category\/federacio-de-mallorca\/\" rel=\"category tag\">Federaci\u00f3 de Mallorca<\/a>, <a href=\"https:\/\/www.psib-psoe.org\/mallorca\/category\/municipis\/\" rel=\"category tag\">Municipis<\/a><\/aside>\n\t\t\t\t<h3 itemprop=\"headline\"><a href=\"https:\/\/www.psib-psoe.org\/mallorca\/pau-llado-presenta-la-seva-candidatura-a-la-batlia-dariany-per-les-eleccions-del-28-de-maig\/\" title=\"Pau Llad\u00f3 presenta la seva candidatura a la batlia d\u2019Ariany per les eleccions del 28 de maig\">Pau Llad\u00f3 presenta la seva candidatura a la batlia d\u2019Ariany per les eleccions del 28 de maig<\/a><\/h3>\n\t\t\t<\/header>\n\t\t<\/div>\n\t\t<div class=\"post-content\">\n\t\t\t<a href=\"https:\/\/www.psib-psoe.org\/mallorca\/pau-llado-presenta-la-seva-candidatura-a-la-batlia-dariany-per-les-eleccions-del-28-de-maig\/\" class=\"more-link\">Read More<\/a>\n\t\t<\/div>\n\t\t\t<aside class=\"post-bottom-meta hide\">\n\t\t<strong rel=\"author\" itemprop=\"author\" class=\"author vcard\"><span class=\"fn\">Socialistes de Mallorca<\/span><\/strong>\n\t\t<time class=\"date published time\" datetime=\"2023-03-06T13:53:21+02:00\" itemprop=\"datePublished\" content=\"2023-03-06T13:53:21+02:00\">06\/03\/2023<\/time>\n\t\t<meta itemprop=\"dateModified\" class=\"date updated\" content=\"2023-03-06T13:53:21+02:00\">\n\t\t<span class=\"hide\" itemprop=\"publisher\" itemscope itemtype=\"https:\/\/schema.org\/Organization\">\n\t\t\t<meta itemprop=\"name\" content=\"SocialistesdMca\">\n\t\t\t<span itemprop=\"logo\" itemscope itemtype=\"https:\/\/schema.org\/ImageObject\">\n\t\t\t\t<meta itemprop=\"url\" content=\"https:\/\/www.psib-psoe.org\/mallorca\/wp-content\/themes\/notio-wp\/assets\/img\/logo.png\">\n\t\t\t<\/span>\n\t\t\t<meta itemprop=\"url\" content=\"https:\/\/www.psib-psoe.org\/mallorca\/\">\n\t\t<\/span>\n\t\t\t\t<span class=\"hide\" itemprop=\"image\" itemscope itemtype=\"http:\/\/schema.org\/ImageObject\">\n\t\t\t<meta itemprop=\"url\" content=\"https:\/\/www.psib-psoe.org\/mallorca\/wp-content\/uploads\/060323-Candidatura-Pau-Llado\u0301-Ariany.jpeg\">\n\t\t\t<meta itemprop=\"width\" content=\"2048\">\n\t\t\t<meta itemprop=\"height\" content=\"1536\">\n\t\t<\/span>\n\t\t\t\t<meta itemscope itemprop=\"mainEntityOfPage\" itemtype=\"https:\/\/schema.org\/WebPage\" itemid=\"https:\/\/www.psib-psoe.org\/mallorca\/pau-llado-presenta-la-seva-candidatura-a-la-batlia-dariany-per-les-eleccions-del-28-de-maig\/\">\n\t<\/aside>\n\t\t<\/article>\n<\/div>\n<div class=\"small-12 large-4 columns\">\n\t<article itemscope itemtype=\"http:\/\/schema.org\/Article\" class=\"post blog-style7 alt post-27383 type-post status-publish format-standard has-post-thumbnail hentry category-federacio-de-mallorca tag-federacio-socialista-de-mallorca\" role=\"article\">\n\t\t<figure class=\"post-gallery\"><img loading=\"lazy\" decoding=\"async\" width=\"600\" height=\"400\" src=\"https:\/\/www.psib-psoe.org\/mallorca\/wp-content\/uploads\/20230305_BATLES-TREN-DE-LLEVANT-1-scaled-600x400.jpg\" class=\"attachment-notio-general-x2 size-notio-general-x2 wp-post-image\" alt=\"\" srcset=\"https:\/\/www.psib-psoe.org\/mallorca\/wp-content\/uploads\/20230305_BATLES-TREN-DE-LLEVANT-1-scaled-600x400.jpg 600w, https:\/\/www.psib-psoe.org\/mallorca\/wp-content\/uploads\/20230305_BATLES-TREN-DE-LLEVANT-1-scaled-300x200.jpg 300w, https:\/\/www.psib-psoe.org\/mallorca\/wp-content\/uploads\/20230305_BATLES-TREN-DE-LLEVANT-1-scaled-900x600.jpg 900w, https:\/\/www.psib-psoe.org\/mallorca\/wp-content\/uploads\/20230305_BATLES-TREN-DE-LLEVANT-1-scaled-20x13.jpg 20w\" sizes=\"(max-width: 600px) 100vw, 600px\" \/><\/figure>\n\t\t<div class=\"blog-top\">\n\t\t\t<header class=\"post-title entry-header\">\n\t\t\t\t<aside class=\"post-meta cf\">\n\t\t05\/03\/2023 \/ <a href=\"https:\/\/www.psib-psoe.org\/mallorca\/category\/federacio-de-mallorca\/\" rel=\"category tag\">Federaci\u00f3 de Mallorca<\/a><\/aside>\n\t\t\t\t<h3 itemprop=\"headline\"><a href=\"https:\/\/www.psib-psoe.org\/mallorca\/el-psib-psoe-referma-laposta-per-la-mobilitat-sostenible-i-el-transport-public-collectiu-amb-el-compromis-dampliar-el-tren-a-alcudia-i-campos-2\/\" title=\"El PSIB-PSOE referma l\u2019aposta per la mobilitat sostenible i el transport p\u00fablic col\u00b7lectiu amb el comprom\u00eds d\u2019ampliar el tren a Alc\u00fadia i Campos\">El PSIB-PSOE referma l\u2019aposta per la mobilitat sostenible i el transport p\u00fablic col\u00b7lectiu amb el comprom\u00eds d\u2019ampliar el tren a Alc\u00fadia i Campos<\/a><\/h3>\n\t\t\t<\/header>\n\t\t<\/div>\n\t\t<div class=\"post-content\">\n\t\t\t<a href=\"https:\/\/www.psib-psoe.org\/mallorca\/el-psib-psoe-referma-laposta-per-la-mobilitat-sostenible-i-el-transport-public-collectiu-amb-el-compromis-dampliar-el-tren-a-alcudia-i-campos-2\/\" class=\"more-link\">Read More<\/a>\n\t\t<\/div>\n\t\t\t<aside class=\"post-bottom-meta hide\">\n\t\t<strong rel=\"author\" itemprop=\"author\" class=\"author vcard\"><span class=\"fn\">adminpsib<\/span><\/strong>\n\t\t<time class=\"date published time\" datetime=\"2023-03-05T17:52:26+02:00\" itemprop=\"datePublished\" content=\"2023-03-05T17:52:26+02:00\">05\/03\/2023<\/time>\n\t\t<meta itemprop=\"dateModified\" class=\"date updated\" content=\"2023-03-05T17:52:26+02:00\">\n\t\t<span class=\"hide\" itemprop=\"publisher\" itemscope itemtype=\"https:\/\/schema.org\/Organization\">\n\t\t\t<meta itemprop=\"name\" content=\"SocialistesdMca\">\n\t\t\t<span itemprop=\"logo\" itemscope itemtype=\"https:\/\/schema.org\/ImageObject\">\n\t\t\t\t<meta itemprop=\"url\" content=\"https:\/\/www.psib-psoe.org\/mallorca\/wp-content\/themes\/notio-wp\/assets\/img\/logo.png\">\n\t\t\t<\/span>\n\t\t\t<meta itemprop=\"url\" content=\"https:\/\/www.psib-psoe.org\/mallorca\/\">\n\t\t<\/span>\n\t\t\t\t<span class=\"hide\" itemprop=\"image\" itemscope itemtype=\"http:\/\/schema.org\/ImageObject\">\n\t\t\t<meta itemprop=\"url\" content=\"https:\/\/www.psib-psoe.org\/mallorca\/wp-content\/uploads\/20230305_BATLES-TREN-DE-LLEVANT-1-scaled.jpg\">\n\t\t\t<meta itemprop=\"width\" content=\"2560\">\n\t\t\t<meta itemprop=\"height\" content=\"1920\">\n\t\t<\/span>\n\t\t\t\t<meta itemscope itemprop=\"mainEntityOfPage\" itemtype=\"https:\/\/schema.org\/WebPage\" itemid=\"https:\/\/www.psib-psoe.org\/mallorca\/el-psib-psoe-referma-laposta-per-la-mobilitat-sostenible-i-el-transport-public-collectiu-amb-el-compromis-dampliar-el-tren-a-alcudia-i-campos-2\/\">\n\t<\/aside>\n\t\t<\/article>\n<\/div>\n<div class=\"small-12 large-4 columns\">\n\t<article itemscope itemtype=\"http:\/\/schema.org\/Article\" class=\"post blog-style7 alt post-27381 type-post status-publish format-standard has-post-thumbnail hentry category-federacio-de-mallorca tag-federacio-socialista-de-mallorca\" role=\"article\">\n\t\t<figure class=\"post-gallery\"><img loading=\"lazy\" decoding=\"async\" width=\"600\" height=\"400\" src=\"https:\/\/www.psib-psoe.org\/mallorca\/wp-content\/uploads\/20230305_BATLES-TREN-DE-LLEVANT-scaled-600x400.jpg\" class=\"attachment-notio-general-x2 size-notio-general-x2 wp-post-image\" alt=\"\" srcset=\"https:\/\/www.psib-psoe.org\/mallorca\/wp-content\/uploads\/20230305_BATLES-TREN-DE-LLEVANT-scaled-600x400.jpg 600w, https:\/\/www.psib-psoe.org\/mallorca\/wp-content\/uploads\/20230305_BATLES-TREN-DE-LLEVANT-scaled-300x200.jpg 300w, https:\/\/www.psib-psoe.org\/mallorca\/wp-content\/uploads\/20230305_BATLES-TREN-DE-LLEVANT-scaled-900x600.jpg 900w, https:\/\/www.psib-psoe.org\/mallorca\/wp-content\/uploads\/20230305_BATLES-TREN-DE-LLEVANT-scaled-20x13.jpg 20w\" sizes=\"(max-width: 600px) 100vw, 600px\" \/><\/figure>\n\t\t<div class=\"blog-top\">\n\t\t\t<header class=\"post-title entry-header\">\n\t\t\t\t<aside class=\"post-meta cf\">\n\t\t05\/03\/2023 \/ <a href=\"https:\/\/www.psib-psoe.org\/mallorca\/category\/federacio-de-mallorca\/\" rel=\"category tag\">Federaci\u00f3 de Mallorca<\/a><\/aside>\n\t\t\t\t<h3 itemprop=\"headline\"><a href=\"https:\/\/www.psib-psoe.org\/mallorca\/el-psib-psoe-referma-laposta-per-la-mobilitat-sostenible-i-el-transport-public-collectiu-amb-el-compromis-dampliar-el-tren-a-alcudia-i-campos\/\" title=\"El PSIB-PSOE referma l\u2019aposta per la mobilitat sostenible i el transport p\u00fablic col\u00b7lectiu amb el comprom\u00eds d\u2019ampliar el tren a Alc\u00fadia i Campos\">El PSIB-PSOE referma l\u2019aposta per la mobilitat sostenible i el transport p\u00fablic col\u00b7lectiu amb el comprom\u00eds d\u2019ampliar el tren a Alc\u00fadia i Campos<\/a><\/h3>\n\t\t\t<\/header>\n\t\t<\/div>\n\t\t<div class=\"post-content\">\n\t\t\t<a href=\"https:\/\/www.psib-psoe.org\/mallorca\/el-psib-psoe-referma-laposta-per-la-mobilitat-sostenible-i-el-transport-public-collectiu-amb-el-compromis-dampliar-el-tren-a-alcudia-i-campos\/\" class=\"more-link\">Read More<\/a>\n\t\t<\/div>\n\t\t\t<aside class=\"post-bottom-meta hide\">\n\t\t<strong rel=\"author\" itemprop=\"author\" class=\"author vcard\"><span class=\"fn\">adminpsib<\/span><\/strong>\n\t\t<time class=\"date published time\" datetime=\"2023-03-05T16:43:52+02:00\" itemprop=\"datePublished\" content=\"2023-03-05T16:43:52+02:00\">05\/03\/2023<\/time>\n\t\t<meta itemprop=\"dateModified\" class=\"date updated\" content=\"2023-03-05T16:43:52+02:00\">\n\t\t<span class=\"hide\" itemprop=\"publisher\" itemscope itemtype=\"https:\/\/schema.org\/Organization\">\n\t\t\t<meta itemprop=\"name\" content=\"SocialistesdMca\">\n\t\t\t<span itemprop=\"logo\" itemscope itemtype=\"https:\/\/schema.org\/ImageObject\">\n\t\t\t\t<meta itemprop=\"url\" content=\"https:\/\/www.psib-psoe.org\/mallorca\/wp-content\/themes\/notio-wp\/assets\/img\/logo.png\">\n\t\t\t<\/span>\n\t\t\t<meta itemprop=\"url\" content=\"https:\/\/www.psib-psoe.org\/mallorca\/\">\n\t\t<\/span>\n\t\t\t\t<span class=\"hide\" itemprop=\"image\" itemscope itemtype=\"http:\/\/schema.org\/ImageObject\">\n\t\t\t<meta itemprop=\"url\" content=\"https:\/\/www.psib-psoe.org\/mallorca\/wp-content\/uploads\/20230305_BATLES-TREN-DE-LLEVANT-scaled.jpg\">\n\t\t\t<meta itemprop=\"width\" content=\"2560\">\n\t\t\t<meta itemprop=\"height\" content=\"1920\">\n\t\t<\/span>\n\t\t\t\t<meta itemscope itemprop=\"mainEntityOfPage\" itemtype=\"https:\/\/schema.org\/WebPage\" itemid=\"https:\/\/www.psib-psoe.org\/mallorca\/el-psib-psoe-referma-laposta-per-la-mobilitat-sostenible-i-el-transport-public-collectiu-amb-el-compromis-dampliar-el-tren-a-alcudia-i-campos\/\">\n\t<\/aside>\n\t\t<\/article>\n<\/div>\n<div class=\"small-12 large-4 columns\">\n\t<article itemscope itemtype=\"http:\/\/schema.org\/Article\" class=\"post blog-style7 alt post-27377 type-post status-publish format-standard has-post-thumbnail hentry category-federacio-de-mallorca category-municipis category-portada tag-agrupacio-socialista-de-campanet tag-campanet tag-catalina-cladera tag-psib-psoe tag-rosa-bestard\" role=\"article\">\n\t\t<figure class=\"post-gallery\"><img loading=\"lazy\" decoding=\"async\" width=\"600\" height=\"400\" src=\"https:\/\/www.psib-psoe.org\/mallorca\/wp-content\/uploads\/040323-Candidatura-Rosa-Bestard-Campanet-600x400.jpg\" class=\"attachment-notio-general-x2 size-notio-general-x2 wp-post-image\" alt=\"\" srcset=\"https:\/\/www.psib-psoe.org\/mallorca\/wp-content\/uploads\/040323-Candidatura-Rosa-Bestard-Campanet-600x400.jpg 600w, https:\/\/www.psib-psoe.org\/mallorca\/wp-content\/uploads\/040323-Candidatura-Rosa-Bestard-Campanet-300x200.jpg 300w, https:\/\/www.psib-psoe.org\/mallorca\/wp-content\/uploads\/040323-Candidatura-Rosa-Bestard-Campanet-768x512.jpg 768w, https:\/\/www.psib-psoe.org\/mallorca\/wp-content\/uploads\/040323-Candidatura-Rosa-Bestard-Campanet-1024x683.jpg 1024w, https:\/\/www.psib-psoe.org\/mallorca\/wp-content\/uploads\/040323-Candidatura-Rosa-Bestard-Campanet-150x100.jpg 150w, https:\/\/www.psib-psoe.org\/mallorca\/wp-content\/uploads\/040323-Candidatura-Rosa-Bestard-Campanet-900x600.jpg 900w, https:\/\/www.psib-psoe.org\/mallorca\/wp-content\/uploads\/040323-Candidatura-Rosa-Bestard-Campanet-20x13.jpg 20w\" sizes=\"(max-width: 600px) 100vw, 600px\" \/><\/figure>\n\t\t<div class=\"blog-top\">\n\t\t\t<header class=\"post-title entry-header\">\n\t\t\t\t<aside class=\"post-meta cf\">\n\t\t04\/03\/2023 \/ <a href=\"https:\/\/www.psib-psoe.org\/mallorca\/category\/federacio-de-mallorca\/\" rel=\"category tag\">Federaci\u00f3 de Mallorca<\/a>, <a href=\"https:\/\/www.psib-psoe.org\/mallorca\/category\/municipis\/\" rel=\"category tag\">Municipis<\/a>, <a href=\"https:\/\/www.psib-psoe.org\/mallorca\/category\/portada\/\" rel=\"category tag\">Portada<\/a><\/aside>\n\t\t\t\t<h3 itemprop=\"headline\"><a href=\"https:\/\/www.psib-psoe.org\/mallorca\/catalina-cladera-rosa-bestard-es-una-gran-candidata-per-campanet-des-de-la-batlia-ha-posat-un-aire-jove-i-fresc-al-municipi\/\" title=\"Catalina Cladera: \u201cRosa Bestard \u00e9s una gran candidata per Campanet, des de la batlia ha posat un aire jove i fresc al municipi\u201d\">Catalina Cladera: \u201cRosa Bestard \u00e9s una gran candidata per Campanet, des de la batlia ha posat un aire jove i fresc al municipi\u201d<\/a><\/h3>\n\t\t\t<\/header>\n\t\t<\/div>\n\t\t<div class=\"post-content\">\n\t\t\t<a href=\"https:\/\/www.psib-psoe.org\/mallorca\/catalina-cladera-rosa-bestard-es-una-gran-candidata-per-campanet-des-de-la-batlia-ha-posat-un-aire-jove-i-fresc-al-municipi\/\" class=\"more-link\">Read More<\/a>\n\t\t<\/div>\n\t\t\t<aside class=\"post-bottom-meta hide\">\n\t\t<strong rel=\"author\" itemprop=\"author\" class=\"author vcard\"><span class=\"fn\">Socialistes de Mallorca<\/span><\/strong>\n\t\t<time class=\"date published time\" datetime=\"2023-03-04T15:50:37+02:00\" itemprop=\"datePublished\" content=\"2023-03-04T15:50:37+02:00\">04\/03\/2023<\/time>\n\t\t<meta itemprop=\"dateModified\" class=\"date updated\" content=\"2023-03-04T15:50:37+02:00\">\n\t\t<span class=\"hide\" itemprop=\"publisher\" itemscope itemtype=\"https:\/\/schema.org\/Organization\">\n\t\t\t<meta itemprop=\"name\" content=\"SocialistesdMca\">\n\t\t\t<span itemprop=\"logo\" itemscope itemtype=\"https:\/\/schema.org\/ImageObject\">\n\t\t\t\t<meta itemprop=\"url\" content=\"https:\/\/www.psib-psoe.org\/mallorca\/wp-content\/themes\/notio-wp\/assets\/img\/logo.png\">\n\t\t\t<\/span>\n\t\t\t<meta itemprop=\"url\" content=\"https:\/\/www.psib-psoe.org\/mallorca\/\">\n\t\t<\/span>\n\t\t\t\t<span class=\"hide\" itemprop=\"image\" itemscope itemtype=\"http:\/\/schema.org\/ImageObject\">\n\t\t\t<meta itemprop=\"url\" content=\"https:\/\/www.psib-psoe.org\/mallorca\/wp-content\/uploads\/040323-Candidatura-Rosa-Bestard-Campanet.jpg\">\n\t\t\t<meta itemprop=\"width\" content=\"6000\">\n\t\t\t<meta itemprop=\"height\" content=\"4000\">\n\t\t<\/span>\n\t\t\t\t<meta itemscope itemprop=\"mainEntityOfPage\" itemtype=\"https:\/\/schema.org\/WebPage\" itemid=\"https:\/\/www.psib-psoe.org\/mallorca\/catalina-cladera-rosa-bestard-es-una-gran-candidata-per-campanet-des-de-la-batlia-ha-posat-un-aire-jove-i-fresc-al-municipi\/\">\n\t<\/aside>\n\t\t<\/article>\n<\/div>\n<div class=\"small-12 large-4 columns\">\n\t<article itemscope itemtype=\"http:\/\/schema.org\/Article\" class=\"post blog-style7 alt post-27374 type-post status-publish format-standard has-post-thumbnail hentry category-federacio-de-mallorca category-municipis category-portada tag-alaro tag-andreu-vidal tag-psib-psoe tag-socialistes-dalaro\" role=\"article\">\n\t\t<figure class=\"post-gallery\"><img loading=\"lazy\" decoding=\"async\" width=\"600\" height=\"400\" src=\"https:\/\/www.psib-psoe.org\/mallorca\/wp-content\/uploads\/040323-Candidatura-Andreu-Vidal-Alaro\u0301-600x400.jpg\" class=\"attachment-notio-general-x2 size-notio-general-x2 wp-post-image\" alt=\"\" srcset=\"https:\/\/www.psib-psoe.org\/mallorca\/wp-content\/uploads\/040323-Candidatura-Andreu-Vidal-Alaro\u0301-600x400.jpg 600w, https:\/\/www.psib-psoe.org\/mallorca\/wp-content\/uploads\/040323-Candidatura-Andreu-Vidal-Alaro\u0301-300x200.jpg 300w, https:\/\/www.psib-psoe.org\/mallorca\/wp-content\/uploads\/040323-Candidatura-Andreu-Vidal-Alaro\u0301-20x13.jpg 20w, https:\/\/www.psib-psoe.org\/mallorca\/wp-content\/uploads\/040323-Candidatura-Andreu-Vidal-Alaro\u0301-900x600.jpg 900w\" sizes=\"(max-width: 600px) 100vw, 600px\" \/><\/figure>\n\t\t<div class=\"blog-top\">\n\t\t\t<header class=\"post-title entry-header\">\n\t\t\t\t<aside class=\"post-meta cf\">\n\t\t04\/03\/2023 \/ <a href=\"https:\/\/www.psib-psoe.org\/mallorca\/category\/federacio-de-mallorca\/\" rel=\"category tag\">Federaci\u00f3 de Mallorca<\/a>, <a href=\"https:\/\/www.psib-psoe.org\/mallorca\/category\/municipis\/\" rel=\"category tag\">Municipis<\/a>, <a href=\"https:\/\/www.psib-psoe.org\/mallorca\/category\/portada\/\" rel=\"category tag\">Portada<\/a><\/aside>\n\t\t\t\t<h3 itemprop=\"headline\"><a href=\"https:\/\/www.psib-psoe.org\/mallorca\/andreu-vidal-afronta-amb-illusio-i-optimisme-la-seva-candidatura-a-la-batlia-dalaro-per-fer-el-canvi-que-necessita-el-poble\/\" title=\"Andreu Vidal afronta \u201camb il\u00b7lusi\u00f3 i optimisme\u201d la seva candidatura a la batlia d\u2019Alar\u00f3 per fer el canvi que necessita el poble\">Andreu Vidal afronta \u201camb il\u00b7lusi\u00f3 i optimisme\u201d la seva candidatura a la batlia d\u2019Alar\u00f3 per fer el canvi que necessita el poble<\/a><\/h3>\n\t\t\t<\/header>\n\t\t<\/div>\n\t\t<div class=\"post-content\">\n\t\t\t<a href=\"https:\/\/www.psib-psoe.org\/mallorca\/andreu-vidal-afronta-amb-illusio-i-optimisme-la-seva-candidatura-a-la-batlia-dalaro-per-fer-el-canvi-que-necessita-el-poble\/\" class=\"more-link\">Read More<\/a>\n\t\t<\/div>\n\t\t\t<aside class=\"post-bottom-meta hide\">\n\t\t<strong rel=\"author\" itemprop=\"author\" class=\"author vcard\"><span class=\"fn\">Socialistes de Mallorca<\/span><\/strong>\n\t\t<time class=\"date published time\" datetime=\"2023-03-04T14:35:03+02:00\" itemprop=\"datePublished\" content=\"2023-03-04T14:35:03+02:00\">04\/03\/2023<\/time>\n\t\t<meta itemprop=\"dateModified\" class=\"date updated\" content=\"2023-03-04T14:35:03+02:00\">\n\t\t<span class=\"hide\" itemprop=\"publisher\" itemscope itemtype=\"https:\/\/schema.org\/Organization\">\n\t\t\t<meta itemprop=\"name\" content=\"SocialistesdMca\">\n\t\t\t<span itemprop=\"logo\" itemscope itemtype=\"https:\/\/schema.org\/ImageObject\">\n\t\t\t\t<meta itemprop=\"url\" content=\"https:\/\/www.psib-psoe.org\/mallorca\/wp-content\/themes\/notio-wp\/assets\/img\/logo.png\">\n\t\t\t<\/span>\n\t\t\t<meta itemprop=\"url\" content=\"https:\/\/www.psib-psoe.org\/mallorca\/\">\n\t\t<\/span>\n\t\t\t\t<span class=\"hide\" itemprop=\"image\" itemscope itemtype=\"http:\/\/schema.org\/ImageObject\">\n\t\t\t<meta itemprop=\"url\" content=\"https:\/\/www.psib-psoe.org\/mallorca\/wp-content\/uploads\/040323-Candidatura-Andreu-Vidal-Alaro\u0301.jpg\">\n\t\t\t<meta itemprop=\"width\" content=\"1419\">\n\t\t\t<meta itemprop=\"height\" content=\"987\">\n\t\t<\/span>\n\t\t\t\t<meta itemscope itemprop=\"mainEntityOfPage\" itemtype=\"https:\/\/schema.org\/WebPage\" itemid=\"https:\/\/www.psib-psoe.org\/mallorca\/andreu-vidal-afronta-amb-illusio-i-optimisme-la-seva-candidatura-a-la-batlia-dalaro-per-fer-el-canvi-que-necessita-el-poble\/\">\n\t<\/aside>\n\t\t<\/article>\n<\/div>\n<div class=\"small-12 large-4 columns\">\n\t<article itemscope itemtype=\"http:\/\/schema.org\/Article\" class=\"post blog-style7 alt post-27370 type-post status-publish format-standard has-post-thumbnail hentry category-federacio-de-mallorca category-federacio-de-mallorca-portada category-municipis category-portada tag-catalina-cladera tag-escorca tag-psib-psoe tag-victoria-vicens\" role=\"article\">\n\t\t<figure class=\"post-gallery\"><img loading=\"lazy\" decoding=\"async\" width=\"600\" height=\"400\" src=\"https:\/\/www.psib-psoe.org\/mallorca\/wp-content\/uploads\/030323-Candidatura-Victo\u0300ria-Vicens-ESCORCA-600x400.jpg\" class=\"attachment-notio-general-x2 size-notio-general-x2 wp-post-image\" alt=\"\" srcset=\"https:\/\/www.psib-psoe.org\/mallorca\/wp-content\/uploads\/030323-Candidatura-Victo\u0300ria-Vicens-ESCORCA-600x400.jpg 600w, https:\/\/www.psib-psoe.org\/mallorca\/wp-content\/uploads\/030323-Candidatura-Victo\u0300ria-Vicens-ESCORCA-300x200.jpg 300w, https:\/\/www.psib-psoe.org\/mallorca\/wp-content\/uploads\/030323-Candidatura-Victo\u0300ria-Vicens-ESCORCA-900x600.jpg 900w, https:\/\/www.psib-psoe.org\/mallorca\/wp-content\/uploads\/030323-Candidatura-Victo\u0300ria-Vicens-ESCORCA-20x13.jpg 20w\" sizes=\"(max-width: 600px) 100vw, 600px\" \/><\/figure>\n\t\t<div class=\"blog-top\">\n\t\t\t<header class=\"post-title entry-header\">\n\t\t\t\t<aside class=\"post-meta cf\">\n\t\t03\/03\/2023 \/ <a href=\"https:\/\/www.psib-psoe.org\/mallorca\/category\/federacio-de-mallorca\/\" rel=\"category tag\">Federaci\u00f3 de Mallorca<\/a>, <a href=\"https:\/\/www.psib-psoe.org\/mallorca\/category\/federacio-de-mallorca-portada\/\" rel=\"category tag\">Federaci\u00f3 de Mallorca - Portada<\/a>, <a href=\"https:\/\/www.psib-psoe.org\/mallorca\/category\/municipis\/\" rel=\"category tag\">Municipis<\/a>, <a href=\"https:\/\/www.psib-psoe.org\/mallorca\/category\/portada\/\" rel=\"category tag\">Portada<\/a><\/aside>\n\t\t\t\t<h3 itemprop=\"headline\"><a href=\"https:\/\/www.psib-psoe.org\/mallorca\/victoria-vicens-anuncia-la-seva-candidatura-a-la-batlia-descorca-per-aportar-un-aire-renovat-al-poble\/\" title=\"Vict\u00f2ria Vicens anuncia la seva candidatura a la batlia d\u2019Escorca per \u201caportar un aire renovat al poble\u201d\">Vict\u00f2ria Vicens anuncia la seva candidatura a la batlia d\u2019Escorca per \u201caportar un aire renovat al poble\u201d<\/a><\/h3>\n\t\t\t<\/header>\n\t\t<\/div>\n\t\t<div class=\"post-content\">\n\t\t\t<a href=\"https:\/\/www.psib-psoe.org\/mallorca\/victoria-vicens-anuncia-la-seva-candidatura-a-la-batlia-descorca-per-aportar-un-aire-renovat-al-poble\/\" class=\"more-link\">Read More<\/a>\n\t\t<\/div>\n\t\t\t<aside class=\"post-bottom-meta hide\">\n\t\t<strong rel=\"author\" itemprop=\"author\" class=\"author vcard\"><span class=\"fn\">Socialistes de Mallorca<\/span><\/strong>\n\t\t<time class=\"date published time\" datetime=\"2023-03-03T14:11:40+02:00\" itemprop=\"datePublished\" content=\"2023-03-03T14:11:40+02:00\">03\/03\/2023<\/time>\n\t\t<meta itemprop=\"dateModified\" class=\"date updated\" content=\"2023-03-03T14:11:40+02:00\">\n\t\t<span class=\"hide\" itemprop=\"publisher\" itemscope itemtype=\"https:\/\/schema.org\/Organization\">\n\t\t\t<meta itemprop=\"name\" content=\"SocialistesdMca\">\n\t\t\t<span itemprop=\"logo\" itemscope itemtype=\"https:\/\/schema.org\/ImageObject\">\n\t\t\t\t<meta itemprop=\"url\" content=\"https:\/\/www.psib-psoe.org\/mallorca\/wp-content\/themes\/notio-wp\/assets\/img\/logo.png\">\n\t\t\t<\/span>\n\t\t\t<meta itemprop=\"url\" content=\"https:\/\/www.psib-psoe.org\/mallorca\/\">\n\t\t<\/span>\n\t\t\t\t<span class=\"hide\" itemprop=\"image\" itemscope itemtype=\"http:\/\/schema.org\/ImageObject\">\n\t\t\t<meta itemprop=\"url\" content=\"https:\/\/www.psib-psoe.org\/mallorca\/wp-content\/uploads\/030323-Candidatura-Victo\u0300ria-Vicens-ESCORCA.jpg\">\n\t\t\t<meta itemprop=\"width\" content=\"1536\">\n\t\t\t<meta itemprop=\"height\" content=\"1700\">\n\t\t<\/span>\n\t\t\t\t<meta itemscope itemprop=\"mainEntityOfPage\" itemtype=\"https:\/\/schema.org\/WebPage\" itemid=\"https:\/\/www.psib-psoe.org\/mallorca\/victoria-vicens-anuncia-la-seva-candidatura-a-la-batlia-descorca-per-aportar-un-aire-renovat-al-poble\/\">\n\t<\/aside>\n\t\t<\/article>\n<\/div>\n<div class=\"small-12 large-4 columns\">\n\t<article itemscope itemtype=\"http:\/\/schema.org\/Article\" class=\"post blog-style7 alt post-27366 type-post status-publish format-standard has-post-thumbnail hentry category-federacio-de-mallorca category-federacio-de-mallorca-portada category-portada tag-bea-gamundi tag-catalina-cladera tag-federacio-socialista-de-mallorca tag-javier-de-juan tag-mallorca-2030 tag-psib-psoe\" role=\"article\">\n\t\t<figure class=\"post-gallery\"><img loading=\"lazy\" decoding=\"async\" width=\"600\" height=\"400\" src=\"https:\/\/www.psib-psoe.org\/mallorca\/wp-content\/uploads\/020323-Acte-Sectorial-Convencio\u0301-Mallorca-2030-Drets-Socials-600x400.jpg\" class=\"attachment-notio-general-x2 size-notio-general-x2 wp-post-image\" alt=\"\" srcset=\"https:\/\/www.psib-psoe.org\/mallorca\/wp-content\/uploads\/020323-Acte-Sectorial-Convencio\u0301-Mallorca-2030-Drets-Socials-600x400.jpg 600w, https:\/\/www.psib-psoe.org\/mallorca\/wp-content\/uploads\/020323-Acte-Sectorial-Convencio\u0301-Mallorca-2030-Drets-Socials-300x200.jpg 300w, https:\/\/www.psib-psoe.org\/mallorca\/wp-content\/uploads\/020323-Acte-Sectorial-Convencio\u0301-Mallorca-2030-Drets-Socials-900x600.jpg 900w, https:\/\/www.psib-psoe.org\/mallorca\/wp-content\/uploads\/020323-Acte-Sectorial-Convencio\u0301-Mallorca-2030-Drets-Socials-20x13.jpg 20w\" sizes=\"(max-width: 600px) 100vw, 600px\" \/><\/figure>\n\t\t<div class=\"blog-top\">\n\t\t\t<header class=\"post-title entry-header\">\n\t\t\t\t<aside class=\"post-meta cf\">\n\t\t02\/03\/2023 \/ <a href=\"https:\/\/www.psib-psoe.org\/mallorca\/category\/federacio-de-mallorca\/\" rel=\"category tag\">Federaci\u00f3 de Mallorca<\/a>, <a href=\"https:\/\/www.psib-psoe.org\/mallorca\/category\/federacio-de-mallorca-portada\/\" rel=\"category tag\">Federaci\u00f3 de Mallorca - Portada<\/a>, <a href=\"https:\/\/www.psib-psoe.org\/mallorca\/category\/portada\/\" rel=\"category tag\">Portada<\/a><\/aside>\n\t\t\t\t<h3 itemprop=\"headline\"><a href=\"https:\/\/www.psib-psoe.org\/mallorca\/catalina-cladera-les-politiques-socials-son-i-seran-un-dels-eixos-principals-del-partit-socialista\/\" title=\"Catalina Cladera: \u201cLes pol\u00edtiques socials s\u00f3n i seran un dels eixos principals del partit socialista\u201d\">Catalina Cladera: \u201cLes pol\u00edtiques socials s\u00f3n i seran un dels eixos principals del partit socialista\u201d<\/a><\/h3>\n\t\t\t<\/header>\n\t\t<\/div>\n\t\t<div class=\"post-content\">\n\t\t\t<a href=\"https:\/\/www.psib-psoe.org\/mallorca\/catalina-cladera-les-politiques-socials-son-i-seran-un-dels-eixos-principals-del-partit-socialista\/\" class=\"more-link\">Read More<\/a>\n\t\t<\/div>\n\t\t\t<aside class=\"post-bottom-meta hide\">\n\t\t<strong rel=\"author\" itemprop=\"author\" class=\"author vcard\"><span class=\"fn\">Socialistes de Mallorca<\/span><\/strong>\n\t\t<time class=\"date published time\" datetime=\"2023-03-02T21:25:42+02:00\" itemprop=\"datePublished\" content=\"2023-03-02T21:25:42+02:00\">02\/03\/2023<\/time>\n\t\t<meta itemprop=\"dateModified\" class=\"date updated\" content=\"2023-03-02T21:25:42+02:00\">\n\t\t<span class=\"hide\" itemprop=\"publisher\" itemscope itemtype=\"https:\/\/schema.org\/Organization\">\n\t\t\t<meta itemprop=\"name\" content=\"SocialistesdMca\">\n\t\t\t<span itemprop=\"logo\" itemscope itemtype=\"https:\/\/schema.org\/ImageObject\">\n\t\t\t\t<meta itemprop=\"url\" content=\"https:\/\/www.psib-psoe.org\/mallorca\/wp-content\/themes\/notio-wp\/assets\/img\/logo.png\">\n\t\t\t<\/span>\n\t\t\t<meta itemprop=\"url\" content=\"https:\/\/www.psib-psoe.org\/mallorca\/\">\n\t\t<\/span>\n\t\t\t\t<span class=\"hide\" itemprop=\"image\" itemscope itemtype=\"http:\/\/schema.org\/ImageObject\">\n\t\t\t<meta itemprop=\"url\" content=\"https:\/\/www.psib-psoe.org\/mallorca\/wp-content\/uploads\/020323-Acte-Sectorial-Convencio\u0301-Mallorca-2030-Drets-Socials.jpg\">\n\t\t\t<meta itemprop=\"width\" content=\"9280\">\n\t\t\t<meta itemprop=\"height\" content=\"6944\">\n\t\t<\/span>\n\t\t\t\t<meta itemscope itemprop=\"mainEntityOfPage\" itemtype=\"https:\/\/schema.org\/WebPage\" itemid=\"https:\/\/www.psib-psoe.org\/mallorca\/catalina-cladera-les-politiques-socials-son-i-seran-un-dels-eixos-principals-del-partit-socialista\/\">\n\t<\/aside>\n\t\t<\/article>\n<\/div>\n<div class=\"small-12 large-4 columns\">\n\t<article itemscope itemtype=\"http:\/\/schema.org\/Article\" class=\"post blog-style7 alt post-27313 type-post status-publish format-standard has-post-thumbnail hentry category-federacio-de-mallorca tag-federacio-socialista-de-mallorca\" role=\"article\">\n\t\t<figure class=\"post-gallery\"><img loading=\"lazy\" decoding=\"async\" width=\"600\" height=\"400\" src=\"https:\/\/www.psib-psoe.org\/mallorca\/wp-content\/uploads\/20230211_CONVENCIO-MUNICIPAL-MALLORCA-4-600x400.jpg\" class=\"attachment-notio-general-x2 size-notio-general-x2 wp-post-image\" alt=\"\" srcset=\"https:\/\/www.psib-psoe.org\/mallorca\/wp-content\/uploads\/20230211_CONVENCIO-MUNICIPAL-MALLORCA-4-600x400.jpg 600w, https:\/\/www.psib-psoe.org\/mallorca\/wp-content\/uploads\/20230211_CONVENCIO-MUNICIPAL-MALLORCA-4-300x200.jpg 300w, https:\/\/www.psib-psoe.org\/mallorca\/wp-content\/uploads\/20230211_CONVENCIO-MUNICIPAL-MALLORCA-4-768x512.jpg 768w, https:\/\/www.psib-psoe.org\/mallorca\/wp-content\/uploads\/20230211_CONVENCIO-MUNICIPAL-MALLORCA-4-1024x682.jpg 1024w, https:\/\/www.psib-psoe.org\/mallorca\/wp-content\/uploads\/20230211_CONVENCIO-MUNICIPAL-MALLORCA-4-150x100.jpg 150w, https:\/\/www.psib-psoe.org\/mallorca\/wp-content\/uploads\/20230211_CONVENCIO-MUNICIPAL-MALLORCA-4-900x600.jpg 900w, https:\/\/www.psib-psoe.org\/mallorca\/wp-content\/uploads\/20230211_CONVENCIO-MUNICIPAL-MALLORCA-4-20x13.jpg 20w, https:\/\/www.psib-psoe.org\/mallorca\/wp-content\/uploads\/20230211_CONVENCIO-MUNICIPAL-MALLORCA-4.jpg 1600w\" sizes=\"(max-width: 600px) 100vw, 600px\" \/><\/figure>\n\t\t<div class=\"blog-top\">\n\t\t\t<header class=\"post-title entry-header\">\n\t\t\t\t<aside class=\"post-meta cf\">\n\t\t11\/02\/2023 \/ <a href=\"https:\/\/www.psib-psoe.org\/mallorca\/category\/federacio-de-mallorca\/\" rel=\"category tag\">Federaci\u00f3 de Mallorca<\/a><\/aside>\n\t\t\t\t<h3 itemprop=\"headline\"><a href=\"https:\/\/www.psib-psoe.org\/mallorca\/la-ministra-rodriguez-reivindica-el-psib-psoe-com-lunic-partit-que-representa-una-garantia-de-futur-per-a-la-ciutadania-de-les-illes-balears\/\" title=\"La ministra Rodr\u00edguez reivindica el PSIB-PSOE com l\u2019\u00fanic partit que representa \u201cuna garantia de futur per a la ciutadania\u201d de les Illes Balears\">La ministra Rodr\u00edguez reivindica el PSIB-PSOE com l\u2019\u00fanic partit que representa \u201cuna garantia de futur per a la ciutadania\u201d de les Illes Balears<\/a><\/h3>\n\t\t\t<\/header>\n\t\t<\/div>\n\t\t<div class=\"post-content\">\n\t\t\t<a href=\"https:\/\/www.psib-psoe.org\/mallorca\/la-ministra-rodriguez-reivindica-el-psib-psoe-com-lunic-partit-que-representa-una-garantia-de-futur-per-a-la-ciutadania-de-les-illes-balears\/\" class=\"more-link\">Read More<\/a>\n\t\t<\/div>\n\t\t\t<aside class=\"post-bottom-meta hide\">\n\t\t<strong rel=\"author\" itemprop=\"author\" class=\"author vcard\"><span class=\"fn\">adminpsib<\/span><\/strong>\n\t\t<time class=\"date published time\" datetime=\"2023-02-11T16:19:42+02:00\" itemprop=\"datePublished\" content=\"2023-02-11T16:19:42+02:00\">11\/02\/2023<\/time>\n\t\t<meta itemprop=\"dateModified\" class=\"date updated\" content=\"2023-02-11T16:19:42+02:00\">\n\t\t<span class=\"hide\" itemprop=\"publisher\" itemscope itemtype=\"https:\/\/schema.org\/Organization\">\n\t\t\t<meta itemprop=\"name\" content=\"SocialistesdMca\">\n\t\t\t<span itemprop=\"logo\" itemscope itemtype=\"https:\/\/schema.org\/ImageObject\">\n\t\t\t\t<meta itemprop=\"url\" content=\"https:\/\/www.psib-psoe.org\/mallorca\/wp-content\/themes\/notio-wp\/assets\/img\/logo.png\">\n\t\t\t<\/span>\n\t\t\t<meta itemprop=\"url\" content=\"https:\/\/www.psib-psoe.org\/mallorca\/\">\n\t\t<\/span>\n\t\t\t\t<span class=\"hide\" itemprop=\"image\" itemscope itemtype=\"http:\/\/schema.org\/ImageObject\">\n\t\t\t<meta itemprop=\"url\" content=\"https:\/\/www.psib-psoe.org\/mallorca\/wp-content\/uploads\/20230211_CONVENCIO-MUNICIPAL-MALLORCA-4.jpg\">\n\t\t\t<meta itemprop=\"width\" content=\"1600\">\n\t\t\t<meta itemprop=\"height\" content=\"1066\">\n\t\t<\/span>\n\t\t\t\t<meta itemscope itemprop=\"mainEntityOfPage\" itemtype=\"https:\/\/schema.org\/WebPage\" itemid=\"https:\/\/www.psib-psoe.org\/mallorca\/la-ministra-rodriguez-reivindica-el-psib-psoe-com-lunic-partit-que-representa-una-garantia-de-futur-per-a-la-ciutadania-de-les-illes-balears\/\">\n\t<\/aside>\n\t\t<\/article>\n<\/div>\n<div class=\"small-12 large-4 columns\">\n\t<article itemscope itemtype=\"http:\/\/schema.org\/Article\" class=\"post blog-style7 alt post-27294 type-post status-publish format-standard has-post-thumbnail hentry category-federacio-de-mallorca tag-federacio-socialista-de-mallorca\" role=\"article\">\n\t\t<figure class=\"post-gallery\"><img loading=\"lazy\" decoding=\"async\" width=\"600\" height=\"400\" src=\"https:\/\/www.psib-psoe.org\/mallorca\/wp-content\/uploads\/20230204_PRESENTACIO-CANDIDATA-LLOSETA-1-scaled-600x400.jpeg\" class=\"attachment-notio-general-x2 size-notio-general-x2 wp-post-image\" alt=\"\" srcset=\"https:\/\/www.psib-psoe.org\/mallorca\/wp-content\/uploads\/20230204_PRESENTACIO-CANDIDATA-LLOSETA-1-scaled-600x400.jpeg 600w, https:\/\/www.psib-psoe.org\/mallorca\/wp-content\/uploads\/20230204_PRESENTACIO-CANDIDATA-LLOSETA-1-scaled-300x200.jpeg 300w, https:\/\/www.psib-psoe.org\/mallorca\/wp-content\/uploads\/20230204_PRESENTACIO-CANDIDATA-LLOSETA-1-scaled-900x600.jpeg 900w, https:\/\/www.psib-psoe.org\/mallorca\/wp-content\/uploads\/20230204_PRESENTACIO-CANDIDATA-LLOSETA-1-scaled-20x13.jpeg 20w\" sizes=\"(max-width: 600px) 100vw, 600px\" \/><\/figure>\n\t\t<div class=\"blog-top\">\n\t\t\t<header class=\"post-title entry-header\">\n\t\t\t\t<aside class=\"post-meta cf\">\n\t\t04\/02\/2023 \/ <a href=\"https:\/\/www.psib-psoe.org\/mallorca\/category\/federacio-de-mallorca\/\" rel=\"category tag\">Federaci\u00f3 de Mallorca<\/a><\/aside>\n\t\t\t\t<h3 itemprop=\"headline\"><a href=\"https:\/\/www.psib-psoe.org\/mallorca\/armengol-som-el-partit-dels-treballadors-i-treballadores-i-sense-nosaltres-no-shaurien-apujat-els-salaris-ni-les-pensions-dels-nostres-majors\/\" title=\"Armengol: \u201cSom el partit dels treballadors i treballadores i sense nosaltres no s\u2019haurien apujat els salaris ni les pensions dels nostres majors\u201d\">Armengol: \u201cSom el partit dels treballadors i treballadores i sense nosaltres no s\u2019haurien apujat els salaris ni les pensions dels nostres majors\u201d<\/a><\/h3>\n\t\t\t<\/header>\n\t\t<\/div>\n\t\t<div class=\"post-content\">\n\t\t\t<a href=\"https:\/\/www.psib-psoe.org\/mallorca\/armengol-som-el-partit-dels-treballadors-i-treballadores-i-sense-nosaltres-no-shaurien-apujat-els-salaris-ni-les-pensions-dels-nostres-majors\/\" class=\"more-link\">Read More<\/a>\n\t\t<\/div>\n\t\t\t<aside class=\"post-bottom-meta hide\">\n\t\t<strong rel=\"author\" itemprop=\"author\" class=\"author vcard\"><span class=\"fn\">adminpsib<\/span><\/strong>\n\t\t<time class=\"date published time\" datetime=\"2023-02-04T19:02:21+02:00\" itemprop=\"datePublished\" content=\"2023-02-04T19:02:21+02:00\">04\/02\/2023<\/time>\n\t\t<meta itemprop=\"dateModified\" class=\"date updated\" content=\"2023-02-04T19:02:21+02:00\">\n\t\t<span class=\"hide\" itemprop=\"publisher\" itemscope itemtype=\"https:\/\/schema.org\/Organization\">\n\t\t\t<meta itemprop=\"name\" content=\"SocialistesdMca\">\n\t\t\t<span itemprop=\"logo\" itemscope itemtype=\"https:\/\/schema.org\/ImageObject\">\n\t\t\t\t<meta itemprop=\"url\" content=\"https:\/\/www.psib-psoe.org\/mallorca\/wp-content\/themes\/notio-wp\/assets\/img\/logo.png\">\n\t\t\t<\/span>\n\t\t\t<meta itemprop=\"url\" content=\"https:\/\/www.psib-psoe.org\/mallorca\/\">\n\t\t<\/span>\n\t\t\t\t<span class=\"hide\" itemprop=\"image\" itemscope itemtype=\"http:\/\/schema.org\/ImageObject\">\n\t\t\t<meta itemprop=\"url\" content=\"https:\/\/www.psib-psoe.org\/mallorca\/wp-content\/uploads\/20230204_PRESENTACIO-CANDIDATA-LLOSETA-1-scaled.jpeg\">\n\t\t\t<meta itemprop=\"width\" content=\"2560\">\n\t\t\t<meta itemprop=\"height\" content=\"1920\">\n\t\t<\/span>\n\t\t\t\t<meta itemscope itemprop=\"mainEntityOfPage\" itemtype=\"https:\/\/schema.org\/WebPage\" itemid=\"https:\/\/www.psib-psoe.org\/mallorca\/armengol-som-el-partit-dels-treballadors-i-treballadores-i-sense-nosaltres-no-shaurien-apujat-els-salaris-ni-les-pensions-dels-nostres-majors\/\">\n\t<\/aside>\n\t\t<\/article>\n<\/div>\n<div class=\"small-12 large-4 columns\">\n\t<article itemscope itemtype=\"http:\/\/schema.org\/Article\" class=\"post blog-style7 alt post-27273 type-post status-publish format-standard has-post-thumbnail hentry category-federacio-de-mallorca category-federacio-de-mallorca-portada category-portada tag-catalina-cladera tag-consell-politic tag-federacio-socialista-de-mallorca tag-maria-bel-llinas tag-psib-psoe\" role=\"article\">\n\t\t<figure class=\"post-gallery\"><img loading=\"lazy\" decoding=\"async\" width=\"600\" height=\"400\" src=\"https:\/\/www.psib-psoe.org\/mallorca\/wp-content\/uploads\/20230127_CONSELL-POLITIC-FSM-600x400.jpeg\" class=\"attachment-notio-general-x2 size-notio-general-x2 wp-post-image\" alt=\"\" srcset=\"https:\/\/www.psib-psoe.org\/mallorca\/wp-content\/uploads\/20230127_CONSELL-POLITIC-FSM-600x400.jpeg 600w, https:\/\/www.psib-psoe.org\/mallorca\/wp-content\/uploads\/20230127_CONSELL-POLITIC-FSM-300x200.jpeg 300w, https:\/\/www.psib-psoe.org\/mallorca\/wp-content\/uploads\/20230127_CONSELL-POLITIC-FSM-900x600.jpeg 900w, https:\/\/www.psib-psoe.org\/mallorca\/wp-content\/uploads\/20230127_CONSELL-POLITIC-FSM-20x13.jpeg 20w\" sizes=\"(max-width: 600px) 100vw, 600px\" \/><\/figure>\n\t\t<div class=\"blog-top\">\n\t\t\t<header class=\"post-title entry-header\">\n\t\t\t\t<aside class=\"post-meta cf\">\n\t\t27\/01\/2023 \/ <a href=\"https:\/\/www.psib-psoe.org\/mallorca\/category\/federacio-de-mallorca\/\" rel=\"category tag\">Federaci\u00f3 de Mallorca<\/a>, <a href=\"https:\/\/www.psib-psoe.org\/mallorca\/category\/federacio-de-mallorca-portada\/\" rel=\"category tag\">Federaci\u00f3 de Mallorca - Portada<\/a>, <a href=\"https:\/\/www.psib-psoe.org\/mallorca\/category\/portada\/\" rel=\"category tag\">Portada<\/a><\/aside>\n\t\t\t\t<h3 itemprop=\"headline\"><a href=\"https:\/\/www.psib-psoe.org\/mallorca\/el-consell-politic-de-la-federacio-socialista-de-mallorca-aprova-la-celebracio-de-la-conferencia-politica-per-a-l1-dabril\/\" title=\"El Consell Pol\u00edtic de la Federaci\u00f3 Socialista de Mallorca aprova la celebraci\u00f3 de la confer\u00e8ncia pol\u00edtica per a l\u20191 d\u2019abril\">El Consell Pol\u00edtic de la Federaci\u00f3 Socialista de Mallorca aprova la celebraci\u00f3 de la confer\u00e8ncia pol\u00edtica per a l\u20191 d\u2019abril<\/a><\/h3>\n\t\t\t<\/header>\n\t\t<\/div>\n\t\t<div class=\"post-content\">\n\t\t\t<a href=\"https:\/\/www.psib-psoe.org\/mallorca\/el-consell-politic-de-la-federacio-socialista-de-mallorca-aprova-la-celebracio-de-la-conferencia-politica-per-a-l1-dabril\/\" class=\"more-link\">Read More<\/a>\n\t\t<\/div>\n\t\t\t<aside class=\"post-bottom-meta hide\">\n\t\t<strong rel=\"author\" itemprop=\"author\" class=\"author vcard\"><span class=\"fn\">Socialistes de Mallorca<\/span><\/strong>\n\t\t<time class=\"date published time\" datetime=\"2023-01-27T20:44:43+02:00\" itemprop=\"datePublished\" content=\"2023-01-27T20:44:43+02:00\">27\/01\/2023<\/time>\n\t\t<meta itemprop=\"dateModified\" class=\"date updated\" content=\"2023-01-27T20:44:43+02:00\">\n\t\t<span class=\"hide\" itemprop=\"publisher\" itemscope itemtype=\"https:\/\/schema.org\/Organization\">\n\t\t\t<meta itemprop=\"name\" content=\"SocialistesdMca\">\n\t\t\t<span itemprop=\"logo\" itemscope itemtype=\"https:\/\/schema.org\/ImageObject\">\n\t\t\t\t<meta itemprop=\"url\" content=\"https:\/\/www.psib-psoe.org\/mallorca\/wp-content\/themes\/notio-wp\/assets\/img\/logo.png\">\n\t\t\t<\/span>\n\t\t\t<meta itemprop=\"url\" content=\"https:\/\/www.psib-psoe.org\/mallorca\/\">\n\t\t<\/span>\n\t\t\t\t<span class=\"hide\" itemprop=\"image\" itemscope itemtype=\"http:\/\/schema.org\/ImageObject\">\n\t\t\t<meta itemprop=\"url\" content=\"https:\/\/www.psib-psoe.org\/mallorca\/wp-content\/uploads\/20230127_CONSELL-POLITIC-FSM.jpeg\">\n\t\t\t<meta itemprop=\"width\" content=\"3910\">\n\t\t\t<meta itemprop=\"height\" content=\"2932\">\n\t\t<\/span>\n\t\t\t\t<meta itemscope itemprop=\"mainEntityOfPage\" itemtype=\"https:\/\/schema.org\/WebPage\" itemid=\"https:\/\/www.psib-psoe.org\/mallorca\/el-consell-politic-de-la-federacio-socialista-de-mallorca-aprova-la-celebracio-de-la-conferencia-politica-per-a-l1-dabril\/\">\n\t<\/aside>\n\t\t<\/article>\n<\/div>\n<div class=\"small-12 large-4 columns\">\n\t<article itemscope itemtype=\"http:\/\/schema.org\/Article\" class=\"post blog-style7 alt post-27263 type-post status-publish format-standard has-post-thumbnail hentry category-federacio-de-mallorca category-municipis category-portada tag-alcudia tag-barbara-rebassa tag-catalina-cladera\" role=\"article\">\n\t\t<figure class=\"post-gallery\"><img loading=\"lazy\" decoding=\"async\" width=\"600\" height=\"400\" src=\"https:\/\/www.psib-psoe.org\/mallorca\/wp-content\/uploads\/20230115_PRESENTACIO-BARBARA-REBASSA-9-600x400.jpg\" class=\"attachment-notio-general-x2 size-notio-general-x2 wp-post-image\" alt=\"\" srcset=\"https:\/\/www.psib-psoe.org\/mallorca\/wp-content\/uploads\/20230115_PRESENTACIO-BARBARA-REBASSA-9-600x400.jpg 600w, https:\/\/www.psib-psoe.org\/mallorca\/wp-content\/uploads\/20230115_PRESENTACIO-BARBARA-REBASSA-9-300x200.jpg 300w, https:\/\/www.psib-psoe.org\/mallorca\/wp-content\/uploads\/20230115_PRESENTACIO-BARBARA-REBASSA-9-900x600.jpg 900w, https:\/\/www.psib-psoe.org\/mallorca\/wp-content\/uploads\/20230115_PRESENTACIO-BARBARA-REBASSA-9-20x13.jpg 20w\" sizes=\"(max-width: 600px) 100vw, 600px\" \/><\/figure>\n\t\t<div class=\"blog-top\">\n\t\t\t<header class=\"post-title entry-header\">\n\t\t\t\t<aside class=\"post-meta cf\">\n\t\t15\/01\/2023 \/ <a href=\"https:\/\/www.psib-psoe.org\/mallorca\/category\/federacio-de-mallorca\/\" rel=\"category tag\">Federaci\u00f3 de Mallorca<\/a>, <a href=\"https:\/\/www.psib-psoe.org\/mallorca\/category\/municipis\/\" rel=\"category tag\">Municipis<\/a>, <a href=\"https:\/\/www.psib-psoe.org\/mallorca\/category\/portada\/\" rel=\"category tag\">Portada<\/a><\/aside>\n\t\t\t\t<h3 itemprop=\"headline\"><a href=\"https:\/\/www.psib-psoe.org\/mallorca\/barbara-rebassa-millor-candidata-alcudia-gestio-batlia-es-un-exemple\/\" title=\"Catalina Cladera: \u201cB\u00e0rbara Rebassa \u00e9s la millor candidata per a Alc\u00fadia que podr\u00edem tenir; la seva gesti\u00f3 des de la batlia aquesta legislatura \u00e9s un exemple\u201d\">Catalina Cladera: \u201cB\u00e0rbara Rebassa \u00e9s la millor candidata per a Alc\u00fadia que podr\u00edem tenir; la seva gesti\u00f3 des de la batlia aquesta legislatura \u00e9s un exemple\u201d<\/a><\/h3>\n\t\t\t<\/header>\n\t\t<\/div>\n\t\t<div class=\"post-content\">\n\t\t\t<a href=\"https:\/\/www.psib-psoe.org\/mallorca\/barbara-rebassa-millor-candidata-alcudia-gestio-batlia-es-un-exemple\/\" class=\"more-link\">Read More<\/a>\n\t\t<\/div>\n\t\t\t<aside class=\"post-bottom-meta hide\">\n\t\t<strong rel=\"author\" itemprop=\"author\" class=\"author vcard\"><span class=\"fn\">Albert<\/span><\/strong>\n\t\t<time class=\"date published time\" datetime=\"2023-01-15T12:07:19+02:00\" itemprop=\"datePublished\" content=\"2023-01-15T12:07:19+02:00\">15\/01\/2023<\/time>\n\t\t<meta itemprop=\"dateModified\" class=\"date updated\" content=\"2023-01-15T12:07:19+02:00\">\n\t\t<span class=\"hide\" itemprop=\"publisher\" itemscope itemtype=\"https:\/\/schema.org\/Organization\">\n\t\t\t<meta itemprop=\"name\" content=\"SocialistesdMca\">\n\t\t\t<span itemprop=\"logo\" itemscope itemtype=\"https:\/\/schema.org\/ImageObject\">\n\t\t\t\t<meta itemprop=\"url\" content=\"https:\/\/www.psib-psoe.org\/mallorca\/wp-content\/themes\/notio-wp\/assets\/img\/logo.png\">\n\t\t\t<\/span>\n\t\t\t<meta itemprop=\"url\" content=\"https:\/\/www.psib-psoe.org\/mallorca\/\">\n\t\t<\/span>\n\t\t\t\t<span class=\"hide\" itemprop=\"image\" itemscope itemtype=\"http:\/\/schema.org\/ImageObject\">\n\t\t\t<meta itemprop=\"url\" content=\"https:\/\/www.psib-psoe.org\/mallorca\/wp-content\/uploads\/20230115_PRESENTACIO-BARBARA-REBASSA-9.jpg\">\n\t\t\t<meta itemprop=\"width\" content=\"3611\">\n\t\t\t<meta itemprop=\"height\" content=\"2708\">\n\t\t<\/span>\n\t\t\t\t<meta itemscope itemprop=\"mainEntityOfPage\" itemtype=\"https:\/\/schema.org\/WebPage\" itemid=\"https:\/\/www.psib-psoe.org\/mallorca\/barbara-rebassa-millor-candidata-alcudia-gestio-batlia-es-un-exemple\/\">\n\t<\/aside>\n\t\t<\/article>\n<\/div>\n<div class=\"small-12 large-4 columns\">\n\t<article itemscope itemtype=\"http:\/\/schema.org\/Article\" class=\"post blog-style7 alt post-27255 type-post status-publish format-standard has-post-thumbnail hentry category-federacio-de-mallorca category-federacio-de-mallorca-portada category-portada tag-catalina-cladera tag-federacio-socialista-de-mallorca tag-maria-bel-llinas tag-psib-psoe\" role=\"article\">\n\t\t<figure class=\"post-gallery\"><img loading=\"lazy\" decoding=\"async\" width=\"600\" height=\"400\" src=\"https:\/\/www.psib-psoe.org\/mallorca\/wp-content\/uploads\/231222-Felicitacio\u0301-de-Nadal-Catalina-Cladera-2-600x400.jpg\" class=\"attachment-notio-general-x2 size-notio-general-x2 wp-post-image\" alt=\"\" srcset=\"https:\/\/www.psib-psoe.org\/mallorca\/wp-content\/uploads\/231222-Felicitacio\u0301-de-Nadal-Catalina-Cladera-2-600x400.jpg 600w, https:\/\/www.psib-psoe.org\/mallorca\/wp-content\/uploads\/231222-Felicitacio\u0301-de-Nadal-Catalina-Cladera-2-300x200.jpg 300w, https:\/\/www.psib-psoe.org\/mallorca\/wp-content\/uploads\/231222-Felicitacio\u0301-de-Nadal-Catalina-Cladera-2-768x512.jpg 768w, https:\/\/www.psib-psoe.org\/mallorca\/wp-content\/uploads\/231222-Felicitacio\u0301-de-Nadal-Catalina-Cladera-2-1024x683.jpg 1024w, https:\/\/www.psib-psoe.org\/mallorca\/wp-content\/uploads\/231222-Felicitacio\u0301-de-Nadal-Catalina-Cladera-2-150x100.jpg 150w, https:\/\/www.psib-psoe.org\/mallorca\/wp-content\/uploads\/231222-Felicitacio\u0301-de-Nadal-Catalina-Cladera-2-900x600.jpg 900w, https:\/\/www.psib-psoe.org\/mallorca\/wp-content\/uploads\/231222-Felicitacio\u0301-de-Nadal-Catalina-Cladera-2-20x13.jpg 20w\" sizes=\"(max-width: 600px) 100vw, 600px\" \/><\/figure>\n\t\t<div class=\"blog-top\">\n\t\t\t<header class=\"post-title entry-header\">\n\t\t\t\t<aside class=\"post-meta cf\">\n\t\t23\/12\/2022 \/ <a href=\"https:\/\/www.psib-psoe.org\/mallorca\/category\/federacio-de-mallorca\/\" rel=\"category tag\">Federaci\u00f3 de Mallorca<\/a>, <a href=\"https:\/\/www.psib-psoe.org\/mallorca\/category\/federacio-de-mallorca-portada\/\" rel=\"category tag\">Federaci\u00f3 de Mallorca - Portada<\/a>, <a href=\"https:\/\/www.psib-psoe.org\/mallorca\/category\/portada\/\" rel=\"category tag\">Portada<\/a><\/aside>\n\t\t\t\t<h3 itemprop=\"headline\"><a href=\"https:\/\/www.psib-psoe.org\/mallorca\/catalina-cladera-el-meu-desig-i-lobjectiu-per-aquest-2023-es-tornar-guanyar-les-eleccions-per-continuar-transformant-mallorca\/\" title=\"Catalina Cladera: \u201cEl meu desig i l\u2019objectiu per aquest 2023 \u00e9s tornar guanyar les eleccions per continuar transformant Mallorca\u201d\">Catalina Cladera: \u201cEl meu desig i l\u2019objectiu per aquest 2023 \u00e9s tornar guanyar les eleccions per continuar transformant Mallorca\u201d<\/a><\/h3>\n\t\t\t<\/header>\n\t\t<\/div>\n\t\t<div class=\"post-content\">\n\t\t\t<a href=\"https:\/\/www.psib-psoe.org\/mallorca\/catalina-cladera-el-meu-desig-i-lobjectiu-per-aquest-2023-es-tornar-guanyar-les-eleccions-per-continuar-transformant-mallorca\/\" class=\"more-link\">Read More<\/a>\n\t\t<\/div>\n\t\t\t<aside class=\"post-bottom-meta hide\">\n\t\t<strong rel=\"author\" itemprop=\"author\" class=\"author vcard\"><span class=\"fn\">Socialistes de Mallorca<\/span><\/strong>\n\t\t<time class=\"date published time\" datetime=\"2022-12-23T21:42:31+02:00\" itemprop=\"datePublished\" content=\"2022-12-23T21:42:31+02:00\">23\/12\/2022<\/time>\n\t\t<meta itemprop=\"dateModified\" class=\"date updated\" content=\"2022-12-23T21:42:31+02:00\">\n\t\t<span class=\"hide\" itemprop=\"publisher\" itemscope itemtype=\"https:\/\/schema.org\/Organization\">\n\t\t\t<meta itemprop=\"name\" content=\"SocialistesdMca\">\n\t\t\t<span itemprop=\"logo\" itemscope itemtype=\"https:\/\/schema.org\/ImageObject\">\n\t\t\t\t<meta itemprop=\"url\" content=\"https:\/\/www.psib-psoe.org\/mallorca\/wp-content\/themes\/notio-wp\/assets\/img\/logo.png\">\n\t\t\t<\/span>\n\t\t\t<meta itemprop=\"url\" content=\"https:\/\/www.psib-psoe.org\/mallorca\/\">\n\t\t<\/span>\n\t\t\t\t<span class=\"hide\" itemprop=\"image\" itemscope itemtype=\"http:\/\/schema.org\/ImageObject\">\n\t\t\t<meta itemprop=\"url\" content=\"https:\/\/www.psib-psoe.org\/mallorca\/wp-content\/uploads\/231222-Felicitacio\u0301-de-Nadal-Catalina-Cladera-2.jpg\">\n\t\t\t<meta itemprop=\"width\" content=\"6000\">\n\t\t\t<meta itemprop=\"height\" content=\"4000\">\n\t\t<\/span>\n\t\t\t\t<meta itemscope itemprop=\"mainEntityOfPage\" itemtype=\"https:\/\/schema.org\/WebPage\" itemid=\"https:\/\/www.psib-psoe.org\/mallorca\/catalina-cladera-el-meu-desig-i-lobjectiu-per-aquest-2023-es-tornar-guanyar-les-eleccions-per-continuar-transformant-mallorca\/\">\n\t<\/aside>\n\t\t<\/article>\n<\/div>\n<div class=\"small-12 large-4 columns\">\n\t<article itemscope itemtype=\"http:\/\/schema.org\/Article\" class=\"post blog-style7 alt post-27249 type-post status-publish format-standard hentry category-federacio-de-mallorca category-federacio-de-mallorca-portada category-portada tag-catalina-cladera tag-francina-armengol tag-mallorca tag-manacor tag-nadal tag-navidad tag-nuria-hinojosa tag-psib-psoe tag-sopar-de-nadal\" role=\"article\">\n\t\t<figure class=\"post-gallery\"><\/figure>\n\t\t<div class=\"blog-top\">\n\t\t\t<header class=\"post-title entry-header\">\n\t\t\t\t<aside class=\"post-meta cf\">\n\t\t16\/12\/2022 \/ <a href=\"https:\/\/www.psib-psoe.org\/mallorca\/category\/federacio-de-mallorca\/\" rel=\"category tag\">Federaci\u00f3 de Mallorca<\/a>, <a href=\"https:\/\/www.psib-psoe.org\/mallorca\/category\/federacio-de-mallorca-portada\/\" rel=\"category tag\">Federaci\u00f3 de Mallorca - Portada<\/a>, <a href=\"https:\/\/www.psib-psoe.org\/mallorca\/category\/portada\/\" rel=\"category tag\">Portada<\/a><\/aside>\n\t\t\t\t<h3 itemprop=\"headline\"><a href=\"https:\/\/www.psib-psoe.org\/mallorca\/francina-armengol-tenim-mes-forca-que-mai-i-un-projecte-de-futur-per-a-les-illes-balears-que-ens-fara-tornar-a-governar-a-les-diferents-institucions\/\" title=\"Francina Armengol: \u201cTenim m\u00e9s for\u00e7a que mai i un projecte de futur per a les Illes Balears que ens far\u00e0 tornar a governar a les diferents institucions\u201d\">Francina Armengol: \u201cTenim m\u00e9s for\u00e7a que mai i un projecte de futur per a les Illes Balears que ens far\u00e0 tornar a governar a les diferents institucions\u201d<\/a><\/h3>\n\t\t\t<\/header>\n\t\t<\/div>\n\t\t<div class=\"post-content\">\n\t\t\t<a href=\"https:\/\/www.psib-psoe.org\/mallorca\/francina-armengol-tenim-mes-forca-que-mai-i-un-projecte-de-futur-per-a-les-illes-balears-que-ens-fara-tornar-a-governar-a-les-diferents-institucions\/\" class=\"more-link\">Read More<\/a>\n\t\t<\/div>\n\t\t\t<aside class=\"post-bottom-meta hide\">\n\t\t<strong rel=\"author\" itemprop=\"author\" class=\"author vcard\"><span class=\"fn\">Socialistes de Mallorca<\/span><\/strong>\n\t\t<time class=\"date published time\" datetime=\"2022-12-16T23:57:48+02:00\" itemprop=\"datePublished\" content=\"2022-12-16T23:57:48+02:00\">16\/12\/2022<\/time>\n\t\t<meta itemprop=\"dateModified\" class=\"date updated\" content=\"2022-12-17T00:06:15+02:00\">\n\t\t<span class=\"hide\" itemprop=\"publisher\" itemscope itemtype=\"https:\/\/schema.org\/Organization\">\n\t\t\t<meta itemprop=\"name\" content=\"SocialistesdMca\">\n\t\t\t<span itemprop=\"logo\" itemscope itemtype=\"https:\/\/schema.org\/ImageObject\">\n\t\t\t\t<meta itemprop=\"url\" content=\"https:\/\/www.psib-psoe.org\/mallorca\/wp-content\/themes\/notio-wp\/assets\/img\/logo.png\">\n\t\t\t<\/span>\n\t\t\t<meta itemprop=\"url\" content=\"https:\/\/www.psib-psoe.org\/mallorca\/\">\n\t\t<\/span>\n\t\t\t\t<meta itemscope itemprop=\"mainEntityOfPage\" itemtype=\"https:\/\/schema.org\/WebPage\" itemid=\"https:\/\/www.psib-psoe.org\/mallorca\/francina-armengol-tenim-mes-forca-que-mai-i-un-projecte-de-futur-per-a-les-illes-balears-que-ens-fara-tornar-a-governar-a-les-diferents-institucions\/\">\n\t<\/aside>\n\t\t<\/article>\n<\/div>\n<div class=\"small-12 large-4 columns\">\n\t<article itemscope itemtype=\"http:\/\/schema.org\/Article\" class=\"post blog-style7 alt post-27245 type-post status-publish format-standard has-post-thumbnail hentry category-federacio-de-mallorca category-municipis category-portada tag-agrupacio-socialista-de-soller tag-catalina-cladera tag-jaume-mateu tag-psib-psoe tag-soller\" role=\"article\">\n\t\t<figure class=\"post-gallery\"><img loading=\"lazy\" decoding=\"async\" width=\"600\" height=\"400\" src=\"https:\/\/www.psib-psoe.org\/mallorca\/wp-content\/uploads\/141222-Presentacio\u0301-Jaume-Mateu-So\u0301ller-2-600x400.jpg\" class=\"attachment-notio-general-x2 size-notio-general-x2 wp-post-image\" alt=\"\" srcset=\"https:\/\/www.psib-psoe.org\/mallorca\/wp-content\/uploads\/141222-Presentacio\u0301-Jaume-Mateu-So\u0301ller-2-600x400.jpg 600w, https:\/\/www.psib-psoe.org\/mallorca\/wp-content\/uploads\/141222-Presentacio\u0301-Jaume-Mateu-So\u0301ller-2-300x200.jpg 300w, https:\/\/www.psib-psoe.org\/mallorca\/wp-content\/uploads\/141222-Presentacio\u0301-Jaume-Mateu-So\u0301ller-2-768x512.jpg 768w, https:\/\/www.psib-psoe.org\/mallorca\/wp-content\/uploads\/141222-Presentacio\u0301-Jaume-Mateu-So\u0301ller-2-1024x683.jpg 1024w, https:\/\/www.psib-psoe.org\/mallorca\/wp-content\/uploads\/141222-Presentacio\u0301-Jaume-Mateu-So\u0301ller-2-150x100.jpg 150w, https:\/\/www.psib-psoe.org\/mallorca\/wp-content\/uploads\/141222-Presentacio\u0301-Jaume-Mateu-So\u0301ller-2-900x600.jpg 900w, https:\/\/www.psib-psoe.org\/mallorca\/wp-content\/uploads\/141222-Presentacio\u0301-Jaume-Mateu-So\u0301ller-2-20x13.jpg 20w\" sizes=\"(max-width: 600px) 100vw, 600px\" \/><\/figure>\n\t\t<div class=\"blog-top\">\n\t\t\t<header class=\"post-title entry-header\">\n\t\t\t\t<aside class=\"post-meta cf\">\n\t\t14\/12\/2022 \/ <a href=\"https:\/\/www.psib-psoe.org\/mallorca\/category\/federacio-de-mallorca\/\" rel=\"category tag\">Federaci\u00f3 de Mallorca<\/a>, <a href=\"https:\/\/www.psib-psoe.org\/mallorca\/category\/municipis\/\" rel=\"category tag\">Municipis<\/a>, <a href=\"https:\/\/www.psib-psoe.org\/mallorca\/category\/portada\/\" rel=\"category tag\">Portada<\/a><\/aside>\n\t\t\t\t<h3 itemprop=\"headline\"><a href=\"https:\/\/www.psib-psoe.org\/mallorca\/jaume-mateu-present-la-meva-candidatura-a-la-batlia-de-soller-per-tirar-endavant-un-projecte-socialista-i-de-futur-pel-municipi\/\" title=\"Jaume Mateu: \u201cPresent la meva candidatura a la batlia de S\u00f3ller per tirar endavant un projecte socialista i de futur pel municipi\u201d\">Jaume Mateu: \u201cPresent la meva candidatura a la batlia de S\u00f3ller per tirar endavant un projecte socialista i de futur pel municipi\u201d<\/a><\/h3>\n\t\t\t<\/header>\n\t\t<\/div>\n\t\t<div class=\"post-content\">\n\t\t\t<a href=\"https:\/\/www.psib-psoe.org\/mallorca\/jaume-mateu-present-la-meva-candidatura-a-la-batlia-de-soller-per-tirar-endavant-un-projecte-socialista-i-de-futur-pel-municipi\/\" class=\"more-link\">Read More<\/a>\n\t\t<\/div>\n\t\t\t<aside class=\"post-bottom-meta hide\">\n\t\t<strong rel=\"author\" itemprop=\"author\" class=\"author vcard\"><span class=\"fn\">Socialistes de Mallorca<\/span><\/strong>\n\t\t<time class=\"date published time\" datetime=\"2022-12-14T12:59:45+02:00\" itemprop=\"datePublished\" content=\"2022-12-14T12:59:45+02:00\">14\/12\/2022<\/time>\n\t\t<meta itemprop=\"dateModified\" class=\"date updated\" content=\"2022-12-14T12:59:45+02:00\">\n\t\t<span class=\"hide\" itemprop=\"publisher\" itemscope itemtype=\"https:\/\/schema.org\/Organization\">\n\t\t\t<meta itemprop=\"name\" content=\"SocialistesdMca\">\n\t\t\t<span itemprop=\"logo\" itemscope itemtype=\"https:\/\/schema.org\/ImageObject\">\n\t\t\t\t<meta itemprop=\"url\" content=\"https:\/\/www.psib-psoe.org\/mallorca\/wp-content\/themes\/notio-wp\/assets\/img\/logo.png\">\n\t\t\t<\/span>\n\t\t\t<meta itemprop=\"url\" content=\"https:\/\/www.psib-psoe.org\/mallorca\/\">\n\t\t<\/span>\n\t\t\t\t<span class=\"hide\" itemprop=\"image\" itemscope itemtype=\"http:\/\/schema.org\/ImageObject\">\n\t\t\t<meta itemprop=\"url\" content=\"https:\/\/www.psib-psoe.org\/mallorca\/wp-content\/uploads\/141222-Presentacio\u0301-Jaume-Mateu-So\u0301ller-2.jpg\">\n\t\t\t<meta itemprop=\"width\" content=\"6000\">\n\t\t\t<meta itemprop=\"height\" content=\"4000\">\n\t\t<\/span>\n\t\t\t\t<meta itemscope itemprop=\"mainEntityOfPage\" itemtype=\"https:\/\/schema.org\/WebPage\" itemid=\"https:\/\/www.psib-psoe.org\/mallorca\/jaume-mateu-present-la-meva-candidatura-a-la-batlia-de-soller-per-tirar-endavant-un-projecte-socialista-i-de-futur-pel-municipi\/\">\n\t<\/aside>\n\t\t<\/article>\n<\/div>\n<div class=\"small-12 large-4 columns\">\n\t<article itemscope itemtype=\"http:\/\/schema.org\/Article\" class=\"post blog-style7 alt post-27232 type-post status-publish format-standard has-post-thumbnail hentry category-federacio-de-mallorca category-municipis category-portada tag-agrupacio-socialista-marratxi tag-marratxi tag-miquel-cabot tag-psib-psoe\" role=\"article\">\n\t\t<figure class=\"post-gallery\"><img loading=\"lazy\" decoding=\"async\" width=\"600\" height=\"400\" src=\"https:\/\/www.psib-psoe.org\/mallorca\/wp-content\/uploads\/Foto-de-grup-de-la-presentaci\u00f3-candidatura-Toni-Miralles-600x400.jpeg\" class=\"attachment-notio-general-x2 size-notio-general-x2 wp-post-image\" alt=\"\" srcset=\"https:\/\/www.psib-psoe.org\/mallorca\/wp-content\/uploads\/Foto-de-grup-de-la-presentaci\u00f3-candidatura-Toni-Miralles-600x400.jpeg 600w, https:\/\/www.psib-psoe.org\/mallorca\/wp-content\/uploads\/Foto-de-grup-de-la-presentaci\u00f3-candidatura-Toni-Miralles-300x200.jpeg 300w, https:\/\/www.psib-psoe.org\/mallorca\/wp-content\/uploads\/Foto-de-grup-de-la-presentaci\u00f3-candidatura-Toni-Miralles-20x13.jpeg 20w\" sizes=\"(max-width: 600px) 100vw, 600px\" \/><\/figure>\n\t\t<div class=\"blog-top\">\n\t\t\t<header class=\"post-title entry-header\">\n\t\t\t\t<aside class=\"post-meta cf\">\n\t\t07\/12\/2022 \/ <a href=\"https:\/\/www.psib-psoe.org\/mallorca\/category\/federacio-de-mallorca\/\" rel=\"category tag\">Federaci\u00f3 de Mallorca<\/a>, <a href=\"https:\/\/www.psib-psoe.org\/mallorca\/category\/municipis\/\" rel=\"category tag\">Municipis<\/a>, <a href=\"https:\/\/www.psib-psoe.org\/mallorca\/category\/portada\/\" rel=\"category tag\">Portada<\/a><\/aside>\n\t\t\t\t<h3 itemprop=\"headline\"><a href=\"https:\/\/www.psib-psoe.org\/mallorca\/toni-miralles-present-la-meva-candidatura-batllia-de-montuiri-maig-2023\/\" title=\"Toni Miralles: &#8220;Present la meva candidatura a la batllia de Montu\u00efri perqu\u00e8, juntament amb el meu equip, crec que hi ha altres maneres de fer pol\u00edtica i aix\u00ed poder continuar transformant la vida dels montu\u00efrers i montu\u00efreres&#8221;\">Toni Miralles: &#8220;Present la meva candidatura a la batllia de Montu\u00efri perqu\u00e8, juntament amb el meu equip, crec que hi ha altres maneres de fer pol\u00edtica i aix\u00ed poder continuar transformant la vida dels montu\u00efrers i montu\u00efreres&#8221;<\/a><\/h3>\n\t\t\t<\/header>\n\t\t<\/div>\n\t\t<div class=\"post-content\">\n\t\t\t<a href=\"https:\/\/www.psib-psoe.org\/mallorca\/toni-miralles-present-la-meva-candidatura-batllia-de-montuiri-maig-2023\/\" class=\"more-link\">Read More<\/a>\n\t\t<\/div>\n\t\t\t<aside class=\"post-bottom-meta hide\">\n\t\t<strong rel=\"author\" itemprop=\"author\" class=\"author vcard\"><span class=\"fn\">Albert<\/span><\/strong>\n\t\t<time class=\"date published time\" datetime=\"2022-12-07T14:00:14+02:00\" itemprop=\"datePublished\" content=\"2022-12-07T14:00:14+02:00\">07\/12\/2022<\/time>\n\t\t<meta itemprop=\"dateModified\" class=\"date updated\" content=\"2022-12-07T14:01:22+02:00\">\n\t\t<span class=\"hide\" itemprop=\"publisher\" itemscope itemtype=\"https:\/\/schema.org\/Organization\">\n\t\t\t<meta itemprop=\"name\" content=\"SocialistesdMca\">\n\t\t\t<span itemprop=\"logo\" itemscope itemtype=\"https:\/\/schema.org\/ImageObject\">\n\t\t\t\t<meta itemprop=\"url\" content=\"https:\/\/www.psib-psoe.org\/mallorca\/wp-content\/themes\/notio-wp\/assets\/img\/logo.png\">\n\t\t\t<\/span>\n\t\t\t<meta itemprop=\"url\" content=\"https:\/\/www.psib-psoe.org\/mallorca\/\">\n\t\t<\/span>\n\t\t\t\t<span class=\"hide\" itemprop=\"image\" itemscope itemtype=\"http:\/\/schema.org\/ImageObject\">\n\t\t\t<meta itemprop=\"url\" content=\"https:\/\/www.psib-psoe.org\/mallorca\/wp-content\/uploads\/Foto-de-grup-de-la-presentaci\u00f3-candidatura-Toni-Miralles.jpeg\">\n\t\t\t<meta itemprop=\"width\" content=\"1024\">\n\t\t\t<meta itemprop=\"height\" content=\"461\">\n\t\t<\/span>\n\t\t\t\t<meta itemscope itemprop=\"mainEntityOfPage\" itemtype=\"https:\/\/schema.org\/WebPage\" itemid=\"https:\/\/www.psib-psoe.org\/mallorca\/toni-miralles-present-la-meva-candidatura-batllia-de-montuiri-maig-2023\/\">\n\t<\/aside>\n\t\t<\/article>\n<\/div>\n<div class=\"small-12 large-4 columns\">\n\t<article itemscope itemtype=\"http:\/\/schema.org\/Article\" class=\"post blog-style7 alt post-27145 type-post status-publish format-standard has-post-thumbnail hentry category-federacio-de-mallorca category-federacio-de-mallorca-portada category-portada tag-antonia-sastre tag-catalina-cladera tag-executiva tag-fsm tag-psib-psoe\" role=\"article\">\n\t\t<figure class=\"post-gallery\"><img loading=\"lazy\" decoding=\"async\" width=\"600\" height=\"400\" src=\"https:\/\/www.psib-psoe.org\/mallorca\/wp-content\/uploads\/281122-Executiva-FSM-600x400.jpg\" class=\"attachment-notio-general-x2 size-notio-general-x2 wp-post-image\" alt=\"\" srcset=\"https:\/\/www.psib-psoe.org\/mallorca\/wp-content\/uploads\/281122-Executiva-FSM-600x400.jpg 600w, https:\/\/www.psib-psoe.org\/mallorca\/wp-content\/uploads\/281122-Executiva-FSM-300x200.jpg 300w, https:\/\/www.psib-psoe.org\/mallorca\/wp-content\/uploads\/281122-Executiva-FSM-768x512.jpg 768w, https:\/\/www.psib-psoe.org\/mallorca\/wp-content\/uploads\/281122-Executiva-FSM-1024x683.jpg 1024w, https:\/\/www.psib-psoe.org\/mallorca\/wp-content\/uploads\/281122-Executiva-FSM-150x100.jpg 150w, https:\/\/www.psib-psoe.org\/mallorca\/wp-content\/uploads\/281122-Executiva-FSM-900x600.jpg 900w, https:\/\/www.psib-psoe.org\/mallorca\/wp-content\/uploads\/281122-Executiva-FSM-20x13.jpg 20w\" sizes=\"(max-width: 600px) 100vw, 600px\" \/><\/figure>\n\t\t<div class=\"blog-top\">\n\t\t\t<header class=\"post-title entry-header\">\n\t\t\t\t<aside class=\"post-meta cf\">\n\t\t28\/11\/2022 \/ <a href=\"https:\/\/www.psib-psoe.org\/mallorca\/category\/federacio-de-mallorca\/\" rel=\"category tag\">Federaci\u00f3 de Mallorca<\/a>, <a href=\"https:\/\/www.psib-psoe.org\/mallorca\/category\/federacio-de-mallorca-portada\/\" rel=\"category tag\">Federaci\u00f3 de Mallorca - Portada<\/a>, <a href=\"https:\/\/www.psib-psoe.org\/mallorca\/category\/portada\/\" rel=\"category tag\">Portada<\/a><\/aside>\n\t\t\t\t<h3 itemprop=\"headline\"><a href=\"https:\/\/www.psib-psoe.org\/mallorca\/la-federacio-socialista-de-mallorca-aprova-el-seu-comite-electoral-per-afrontar-les-eleccions-del-maig-del-2023\/\" title=\"La Federaci\u00f3 Socialista de Mallorca aprova el seu comit\u00e8 electoral per afrontar les eleccions del maig del 2023\">La Federaci\u00f3 Socialista de Mallorca aprova el seu comit\u00e8 electoral per afrontar les eleccions del maig del 2023<\/a><\/h3>\n\t\t\t<\/header>\n\t\t<\/div>\n\t\t<div class=\"post-content\">\n\t\t\t<a href=\"https:\/\/www.psib-psoe.org\/mallorca\/la-federacio-socialista-de-mallorca-aprova-el-seu-comite-electoral-per-afrontar-les-eleccions-del-maig-del-2023\/\" class=\"more-link\">Read More<\/a>\n\t\t<\/div>\n\t\t\t<aside class=\"post-bottom-meta hide\">\n\t\t<strong rel=\"author\" itemprop=\"author\" class=\"author vcard\"><span class=\"fn\">Socialistes de Mallorca<\/span><\/strong>\n\t\t<time class=\"date published time\" datetime=\"2022-11-28T19:35:41+02:00\" itemprop=\"datePublished\" content=\"2022-11-28T19:35:41+02:00\">28\/11\/2022<\/time>\n\t\t<meta itemprop=\"dateModified\" class=\"date updated\" content=\"2022-11-28T19:35:41+02:00\">\n\t\t<span class=\"hide\" itemprop=\"publisher\" itemscope itemtype=\"https:\/\/schema.org\/Organization\">\n\t\t\t<meta itemprop=\"name\" content=\"SocialistesdMca\">\n\t\t\t<span itemprop=\"logo\" itemscope itemtype=\"https:\/\/schema.org\/ImageObject\">\n\t\t\t\t<meta itemprop=\"url\" content=\"https:\/\/www.psib-psoe.org\/mallorca\/wp-content\/themes\/notio-wp\/assets\/img\/logo.png\">\n\t\t\t<\/span>\n\t\t\t<meta itemprop=\"url\" content=\"https:\/\/www.psib-psoe.org\/mallorca\/\">\n\t\t<\/span>\n\t\t\t\t<span class=\"hide\" itemprop=\"image\" itemscope itemtype=\"http:\/\/schema.org\/ImageObject\">\n\t\t\t<meta itemprop=\"url\" content=\"https:\/\/www.psib-psoe.org\/mallorca\/wp-content\/uploads\/281122-Executiva-FSM.jpg\">\n\t\t\t<meta itemprop=\"width\" content=\"5472\">\n\t\t\t<meta itemprop=\"height\" content=\"3648\">\n\t\t<\/span>\n\t\t\t\t<meta itemscope itemprop=\"mainEntityOfPage\" itemtype=\"https:\/\/schema.org\/WebPage\" itemid=\"https:\/\/www.psib-psoe.org\/mallorca\/la-federacio-socialista-de-mallorca-aprova-el-seu-comite-electoral-per-afrontar-les-eleccions-del-maig-del-2023\/\">\n\t<\/aside>\n\t\t<\/article>\n<\/div>\n<div class=\"small-12 large-4 columns\">\n\t<article itemscope itemtype=\"http:\/\/schema.org\/Article\" class=\"post blog-style7 alt post-27120 type-post status-publish format-standard has-post-thumbnail hentry category-federacio-de-mallorca category-federacio-de-mallorca-portada category-municipis category-portada tag-agrupacio-socialista-de-felanitx tag-felanitx tag-psib-psoe tag-xisco-duarte\" role=\"article\">\n\t\t<figure class=\"post-gallery\"><img loading=\"lazy\" decoding=\"async\" width=\"600\" height=\"400\" src=\"https:\/\/www.psib-psoe.org\/mallorca\/wp-content\/uploads\/15112022-Els-socialistes-de-Felanitx-aconsegueixen-que-els-pressuposts-2023-de-les-Illes-Balears-incloguin-una-partida-per-linici-de-la-construccio\u0301-de-lHospital-de-Felanitx-600x400.jpeg\" class=\"attachment-notio-general-x2 size-notio-general-x2 wp-post-image\" alt=\"\" srcset=\"https:\/\/www.psib-psoe.org\/mallorca\/wp-content\/uploads\/15112022-Els-socialistes-de-Felanitx-aconsegueixen-que-els-pressuposts-2023-de-les-Illes-Balears-incloguin-una-partida-per-linici-de-la-construccio\u0301-de-lHospital-de-Felanitx-600x400.jpeg 600w, https:\/\/www.psib-psoe.org\/mallorca\/wp-content\/uploads\/15112022-Els-socialistes-de-Felanitx-aconsegueixen-que-els-pressuposts-2023-de-les-Illes-Balears-incloguin-una-partida-per-linici-de-la-construccio\u0301-de-lHospital-de-Felanitx-300x200.jpeg 300w, https:\/\/www.psib-psoe.org\/mallorca\/wp-content\/uploads\/15112022-Els-socialistes-de-Felanitx-aconsegueixen-que-els-pressuposts-2023-de-les-Illes-Balears-incloguin-una-partida-per-linici-de-la-construccio\u0301-de-lHospital-de-Felanitx-900x600.jpeg 900w, https:\/\/www.psib-psoe.org\/mallorca\/wp-content\/uploads\/15112022-Els-socialistes-de-Felanitx-aconsegueixen-que-els-pressuposts-2023-de-les-Illes-Balears-incloguin-una-partida-per-linici-de-la-construccio\u0301-de-lHospital-de-Felanitx-20x13.jpeg 20w\" sizes=\"(max-width: 600px) 100vw, 600px\" \/><\/figure>\n\t\t<div class=\"blog-top\">\n\t\t\t<header class=\"post-title entry-header\">\n\t\t\t\t<aside class=\"post-meta cf\">\n\t\t15\/11\/2022 \/ <a href=\"https:\/\/www.psib-psoe.org\/mallorca\/category\/federacio-de-mallorca\/\" rel=\"category tag\">Federaci\u00f3 de Mallorca<\/a>, <a href=\"https:\/\/www.psib-psoe.org\/mallorca\/category\/federacio-de-mallorca-portada\/\" rel=\"category tag\">Federaci\u00f3 de Mallorca - Portada<\/a>, <a href=\"https:\/\/www.psib-psoe.org\/mallorca\/category\/municipis\/\" rel=\"category tag\">Municipis<\/a>, <a href=\"https:\/\/www.psib-psoe.org\/mallorca\/category\/portada\/\" rel=\"category tag\">Portada<\/a><\/aside>\n\t\t\t\t<h3 itemprop=\"headline\"><a href=\"https:\/\/www.psib-psoe.org\/mallorca\/els-socialistes-de-felanitx-aconsegueixen-que-els-pressuposts-2023-de-les-illes-balears-incloguin-una-partida-per-linici-de-la-construccio-de-lhospital-de-felanitx\/\" title=\"Els socialistes de Felanitx aconsegueixen que els pressuposts 2023 de les Illes Balears incloguin una partida per l&#8217;inici de la construcci\u00f3 de l&#8217;Hospital de Felanitx\">Els socialistes de Felanitx aconsegueixen que els pressuposts 2023 de les Illes Balears incloguin una partida per l&#8217;inici de la construcci\u00f3 de l&#8217;Hospital de Felanitx<\/a><\/h3>\n\t\t\t<\/header>\n\t\t<\/div>\n\t\t<div class=\"post-content\">\n\t\t\t<a href=\"https:\/\/www.psib-psoe.org\/mallorca\/els-socialistes-de-felanitx-aconsegueixen-que-els-pressuposts-2023-de-les-illes-balears-incloguin-una-partida-per-linici-de-la-construccio-de-lhospital-de-felanitx\/\" class=\"more-link\">Read More<\/a>\n\t\t<\/div>\n\t\t\t<aside class=\"post-bottom-meta hide\">\n\t\t<strong rel=\"author\" itemprop=\"author\" class=\"author vcard\"><span class=\"fn\">Socialistes de Mallorca<\/span><\/strong>\n\t\t<time class=\"date published time\" datetime=\"2022-11-15T14:12:18+02:00\" itemprop=\"datePublished\" content=\"2022-11-15T14:12:18+02:00\">15\/11\/2022<\/time>\n\t\t<meta itemprop=\"dateModified\" class=\"date updated\" content=\"2022-11-21T14:37:46+02:00\">\n\t\t<span class=\"hide\" itemprop=\"publisher\" itemscope itemtype=\"https:\/\/schema.org\/Organization\">\n\t\t\t<meta itemprop=\"name\" content=\"SocialistesdMca\">\n\t\t\t<span itemprop=\"logo\" itemscope itemtype=\"https:\/\/schema.org\/ImageObject\">\n\t\t\t\t<meta itemprop=\"url\" content=\"https:\/\/www.psib-psoe.org\/mallorca\/wp-content\/themes\/notio-wp\/assets\/img\/logo.png\">\n\t\t\t<\/span>\n\t\t\t<meta itemprop=\"url\" content=\"https:\/\/www.psib-psoe.org\/mallorca\/\">\n\t\t<\/span>\n\t\t\t\t<span class=\"hide\" itemprop=\"image\" itemscope itemtype=\"http:\/\/schema.org\/ImageObject\">\n\t\t\t<meta itemprop=\"url\" content=\"https:\/\/www.psib-psoe.org\/mallorca\/wp-content\/uploads\/15112022-Els-socialistes-de-Felanitx-aconsegueixen-que-els-pressuposts-2023-de-les-Illes-Balears-incloguin-una-partida-per-linici-de-la-construccio\u0301-de-lHospital-de-Felanitx.jpeg\">\n\t\t\t<meta itemprop=\"width\" content=\"1886\">\n\t\t\t<meta itemprop=\"height\" content=\"1415\">\n\t\t<\/span>\n\t\t\t\t<meta itemscope itemprop=\"mainEntityOfPage\" itemtype=\"https:\/\/schema.org\/WebPage\" itemid=\"https:\/\/www.psib-psoe.org\/mallorca\/els-socialistes-de-felanitx-aconsegueixen-que-els-pressuposts-2023-de-les-illes-balears-incloguin-una-partida-per-linici-de-la-construccio-de-lhospital-de-felanitx\/\">\n\t<\/aside>\n\t\t<\/article>\n<\/div>\n<div class=\"small-12 large-4 columns\">\n\t<article itemscope itemtype=\"http:\/\/schema.org\/Article\" class=\"post blog-style7 alt post-27117 type-post status-publish format-standard has-post-thumbnail hentry category-federacio-de-mallorca category-federacio-de-mallorca-portada category-portada tag-catalina-cladera tag-formaccio tag-jsib\" role=\"article\">\n\t\t<figure class=\"post-gallery\"><img loading=\"lazy\" decoding=\"async\" width=\"600\" height=\"400\" src=\"https:\/\/www.psib-psoe.org\/mallorca\/wp-content\/uploads\/tempImagetPlQYz-600x400.jpg\" class=\"attachment-notio-general-x2 size-notio-general-x2 wp-post-image\" alt=\"\" srcset=\"https:\/\/www.psib-psoe.org\/mallorca\/wp-content\/uploads\/tempImagetPlQYz-600x400.jpg 600w, https:\/\/www.psib-psoe.org\/mallorca\/wp-content\/uploads\/tempImagetPlQYz-300x200.jpg 300w, https:\/\/www.psib-psoe.org\/mallorca\/wp-content\/uploads\/tempImagetPlQYz-900x600.jpg 900w, https:\/\/www.psib-psoe.org\/mallorca\/wp-content\/uploads\/tempImagetPlQYz-20x13.jpg 20w\" sizes=\"(max-width: 600px) 100vw, 600px\" \/><\/figure>\n\t\t<div class=\"blog-top\">\n\t\t\t<header class=\"post-title entry-header\">\n\t\t\t\t<aside class=\"post-meta cf\">\n\t\t12\/11\/2022 \/ <a href=\"https:\/\/www.psib-psoe.org\/mallorca\/category\/federacio-de-mallorca\/\" rel=\"category tag\">Federaci\u00f3 de Mallorca<\/a>, <a href=\"https:\/\/www.psib-psoe.org\/mallorca\/category\/federacio-de-mallorca-portada\/\" rel=\"category tag\">Federaci\u00f3 de Mallorca - Portada<\/a>, <a href=\"https:\/\/www.psib-psoe.org\/mallorca\/category\/portada\/\" rel=\"category tag\">Portada<\/a><\/aside>\n\t\t\t\t<h3 itemprop=\"headline\"><a href=\"https:\/\/www.psib-psoe.org\/mallorca\/catalina-cladera-llei-turistica-de-balears-aporta-uns-parametres-de-sostenibilitat-i-circularitat\/\" title=\"Catalina Cladera: &#8220;la llei tur\u00edstica de Balears aporta uns par\u00e0metres de sostenibilitat i circularitat que ens ajudar\u00e0 a consolidar el canvi de model que necessiten les nostres illes\u201d\">Catalina Cladera: &#8220;la llei tur\u00edstica de Balears aporta uns par\u00e0metres de sostenibilitat i circularitat que ens ajudar\u00e0 a consolidar el canvi de model que necessiten les nostres illes\u201d<\/a><\/h3>\n\t\t\t<\/header>\n\t\t<\/div>\n\t\t<div class=\"post-content\">\n\t\t\t<a href=\"https:\/\/www.psib-psoe.org\/mallorca\/catalina-cladera-llei-turistica-de-balears-aporta-uns-parametres-de-sostenibilitat-i-circularitat\/\" class=\"more-link\">Read More<\/a>\n\t\t<\/div>\n\t\t\t<aside class=\"post-bottom-meta hide\">\n\t\t<strong rel=\"author\" itemprop=\"author\" class=\"author vcard\"><span class=\"fn\">Albert<\/span><\/strong>\n\t\t<time class=\"date published time\" datetime=\"2022-11-12T16:21:56+02:00\" itemprop=\"datePublished\" content=\"2022-11-12T16:21:56+02:00\">12\/11\/2022<\/time>\n\t\t<meta itemprop=\"dateModified\" class=\"date updated\" content=\"2022-11-12T16:21:56+02:00\">\n\t\t<span class=\"hide\" itemprop=\"publisher\" itemscope itemtype=\"https:\/\/schema.org\/Organization\">\n\t\t\t<meta itemprop=\"name\" content=\"SocialistesdMca\">\n\t\t\t<span itemprop=\"logo\" itemscope itemtype=\"https:\/\/schema.org\/ImageObject\">\n\t\t\t\t<meta itemprop=\"url\" content=\"https:\/\/www.psib-psoe.org\/mallorca\/wp-content\/themes\/notio-wp\/assets\/img\/logo.png\">\n\t\t\t<\/span>\n\t\t\t<meta itemprop=\"url\" content=\"https:\/\/www.psib-psoe.org\/mallorca\/\">\n\t\t<\/span>\n\t\t\t\t<span class=\"hide\" itemprop=\"image\" itemscope itemtype=\"http:\/\/schema.org\/ImageObject\">\n\t\t\t<meta itemprop=\"url\" content=\"https:\/\/www.psib-psoe.org\/mallorca\/wp-content\/uploads\/tempImagetPlQYz.jpg\">\n\t\t\t<meta itemprop=\"width\" content=\"4032\">\n\t\t\t<meta itemprop=\"height\" content=\"3024\">\n\t\t<\/span>\n\t\t\t\t<meta itemscope itemprop=\"mainEntityOfPage\" itemtype=\"https:\/\/schema.org\/WebPage\" itemid=\"https:\/\/www.psib-psoe.org\/mallorca\/catalina-cladera-llei-turistica-de-balears-aporta-uns-parametres-de-sostenibilitat-i-circularitat\/\">\n\t<\/aside>\n\t\t<\/article>\n<\/div>\n<div class=\"small-12 large-4 columns\">\n\t<article itemscope itemtype=\"http:\/\/schema.org\/Article\" class=\"post blog-style7 alt post-27088 type-post status-publish format-standard has-post-thumbnail hentry category-federacio-de-mallorca category-federacio-de-mallorca-portada category-portada tag-catalina-cladera tag-federacio-socialista-de-mallorca tag-francesc-ramis tag-lorena-oliver tag-pilar-sanchez tag-psib-psoe tag-sencelles\" role=\"article\">\n\t\t<figure class=\"post-gallery\"><img loading=\"lazy\" decoding=\"async\" width=\"600\" height=\"400\" src=\"https:\/\/www.psib-psoe.org\/mallorca\/wp-content\/uploads\/Foto-fam\u00edlia-seu-inauguraci\u00f3-seu-Algaida-600x400.jpg\" class=\"attachment-notio-general-x2 size-notio-general-x2 wp-post-image\" alt=\"\" srcset=\"https:\/\/www.psib-psoe.org\/mallorca\/wp-content\/uploads\/Foto-fam\u00edlia-seu-inauguraci\u00f3-seu-Algaida-600x400.jpg 600w, https:\/\/www.psib-psoe.org\/mallorca\/wp-content\/uploads\/Foto-fam\u00edlia-seu-inauguraci\u00f3-seu-Algaida-300x200.jpg 300w, https:\/\/www.psib-psoe.org\/mallorca\/wp-content\/uploads\/Foto-fam\u00edlia-seu-inauguraci\u00f3-seu-Algaida-900x600.jpg 900w, https:\/\/www.psib-psoe.org\/mallorca\/wp-content\/uploads\/Foto-fam\u00edlia-seu-inauguraci\u00f3-seu-Algaida-20x13.jpg 20w\" sizes=\"(max-width: 600px) 100vw, 600px\" \/><\/figure>\n\t\t<div class=\"blog-top\">\n\t\t\t<header class=\"post-title entry-header\">\n\t\t\t\t<aside class=\"post-meta cf\">\n\t\t28\/10\/2022 \/ <a href=\"https:\/\/www.psib-psoe.org\/mallorca\/category\/federacio-de-mallorca\/\" rel=\"category tag\">Federaci\u00f3 de Mallorca<\/a>, <a href=\"https:\/\/www.psib-psoe.org\/mallorca\/category\/federacio-de-mallorca-portada\/\" rel=\"category tag\">Federaci\u00f3 de Mallorca - Portada<\/a>, <a href=\"https:\/\/www.psib-psoe.org\/mallorca\/category\/portada\/\" rel=\"category tag\">Portada<\/a><\/aside>\n\t\t\t\t<h3 itemprop=\"headline\"><a href=\"https:\/\/www.psib-psoe.org\/mallorca\/socialistes-algaida-pina-randa-nou-seu-espai-per-compartir-reflexio-per-la-ciutadania\/\" title=\"Els Socialistes d\u2019Algaida, Pina i Randa obren una nova seu \u201cper compartir un espai de reflexi\u00f3 obert a la ciutadania del municipi\u201d\">Els Socialistes d\u2019Algaida, Pina i Randa obren una nova seu \u201cper compartir un espai de reflexi\u00f3 obert a la ciutadania del municipi\u201d<\/a><\/h3>\n\t\t\t<\/header>\n\t\t<\/div>\n\t\t<div class=\"post-content\">\n\t\t\t<a href=\"https:\/\/www.psib-psoe.org\/mallorca\/socialistes-algaida-pina-randa-nou-seu-espai-per-compartir-reflexio-per-la-ciutadania\/\" class=\"more-link\">Read More<\/a>\n\t\t<\/div>\n\t\t\t<aside class=\"post-bottom-meta hide\">\n\t\t<strong rel=\"author\" itemprop=\"author\" class=\"author vcard\"><span class=\"fn\">Albert<\/span><\/strong>\n\t\t<time class=\"date published time\" datetime=\"2022-10-28T12:51:17+02:00\" itemprop=\"datePublished\" content=\"2022-10-28T12:51:17+02:00\">28\/10\/2022<\/time>\n\t\t<meta itemprop=\"dateModified\" class=\"date updated\" content=\"2022-10-28T12:51:48+02:00\">\n\t\t<span class=\"hide\" itemprop=\"publisher\" itemscope itemtype=\"https:\/\/schema.org\/Organization\">\n\t\t\t<meta itemprop=\"name\" content=\"SocialistesdMca\">\n\t\t\t<span itemprop=\"logo\" itemscope itemtype=\"https:\/\/schema.org\/ImageObject\">\n\t\t\t\t<meta itemprop=\"url\" content=\"https:\/\/www.psib-psoe.org\/mallorca\/wp-content\/themes\/notio-wp\/assets\/img\/logo.png\">\n\t\t\t<\/span>\n\t\t\t<meta itemprop=\"url\" content=\"https:\/\/www.psib-psoe.org\/mallorca\/\">\n\t\t<\/span>\n\t\t\t\t<span class=\"hide\" itemprop=\"image\" itemscope itemtype=\"http:\/\/schema.org\/ImageObject\">\n\t\t\t<meta itemprop=\"url\" content=\"https:\/\/www.psib-psoe.org\/mallorca\/wp-content\/uploads\/Foto-fam\u00edlia-seu-inauguraci\u00f3-seu-Algaida.jpg\">\n\t\t\t<meta itemprop=\"width\" content=\"4032\">\n\t\t\t<meta itemprop=\"height\" content=\"3024\">\n\t\t<\/span>\n\t\t\t\t<meta itemscope itemprop=\"mainEntityOfPage\" itemtype=\"https:\/\/schema.org\/WebPage\" itemid=\"https:\/\/www.psib-psoe.org\/mallorca\/socialistes-algaida-pina-randa-nou-seu-espai-per-compartir-reflexio-per-la-ciutadania\/\">\n\t<\/aside>\n\t\t<\/article>\n<\/div>\n<div class=\"small-12 large-4 columns\">\n\t<article itemscope itemtype=\"http:\/\/schema.org\/Article\" class=\"post blog-style7 alt post-27085 type-post status-publish format-standard has-post-thumbnail hentry category-federacio-de-mallorca category-federacio-de-mallorca-portada category-portada tag-catalina-cladera tag-federacio-socialista-de-mallorca tag-francesc-ramis tag-lorena-oliver tag-pilar-sanchez tag-psib-psoe tag-sencelles\" role=\"article\">\n\t\t<figure class=\"post-gallery\"><img loading=\"lazy\" decoding=\"async\" width=\"600\" height=\"400\" src=\"https:\/\/www.psib-psoe.org\/mallorca\/wp-content\/uploads\/ACTE-EN-RECORD-PILAR-SA\u0301NCHEZ-1-600x400.jpg\" class=\"attachment-notio-general-x2 size-notio-general-x2 wp-post-image\" alt=\"\" srcset=\"https:\/\/www.psib-psoe.org\/mallorca\/wp-content\/uploads\/ACTE-EN-RECORD-PILAR-SA\u0301NCHEZ-1-600x400.jpg 600w, https:\/\/www.psib-psoe.org\/mallorca\/wp-content\/uploads\/ACTE-EN-RECORD-PILAR-SA\u0301NCHEZ-1-300x200.jpg 300w, https:\/\/www.psib-psoe.org\/mallorca\/wp-content\/uploads\/ACTE-EN-RECORD-PILAR-SA\u0301NCHEZ-1-768x512.jpg 768w, https:\/\/www.psib-psoe.org\/mallorca\/wp-content\/uploads\/ACTE-EN-RECORD-PILAR-SA\u0301NCHEZ-1-1024x683.jpg 1024w, https:\/\/www.psib-psoe.org\/mallorca\/wp-content\/uploads\/ACTE-EN-RECORD-PILAR-SA\u0301NCHEZ-1-150x100.jpg 150w, https:\/\/www.psib-psoe.org\/mallorca\/wp-content\/uploads\/ACTE-EN-RECORD-PILAR-SA\u0301NCHEZ-1-900x600.jpg 900w, https:\/\/www.psib-psoe.org\/mallorca\/wp-content\/uploads\/ACTE-EN-RECORD-PILAR-SA\u0301NCHEZ-1-20x13.jpg 20w\" sizes=\"(max-width: 600px) 100vw, 600px\" \/><\/figure>\n\t\t<div class=\"blog-top\">\n\t\t\t<header class=\"post-title entry-header\">\n\t\t\t\t<aside class=\"post-meta cf\">\n\t\t26\/10\/2022 \/ <a href=\"https:\/\/www.psib-psoe.org\/mallorca\/category\/federacio-de-mallorca\/\" rel=\"category tag\">Federaci\u00f3 de Mallorca<\/a>, <a href=\"https:\/\/www.psib-psoe.org\/mallorca\/category\/federacio-de-mallorca-portada\/\" rel=\"category tag\">Federaci\u00f3 de Mallorca - Portada<\/a>, <a href=\"https:\/\/www.psib-psoe.org\/mallorca\/category\/portada\/\" rel=\"category tag\">Portada<\/a><\/aside>\n\t\t\t\t<h3 itemprop=\"headline\"><a href=\"https:\/\/www.psib-psoe.org\/mallorca\/la-federacio-socialista-de-mallorca-organitza-un-acte-en-record-de-pilar-sanchez-assassinada-i-torturada-el-1936-a-sencelles-per-falangistes\/\" title=\"La Federaci\u00f3 Socialista de Mallorca organitza un acte en record de Pilar S\u00e1nchez, assassinada i torturada el 1936 a Sencelles per falangistes\">La Federaci\u00f3 Socialista de Mallorca organitza un acte en record de Pilar S\u00e1nchez, assassinada i torturada el 1936 a Sencelles per falangistes<\/a><\/h3>\n\t\t\t<\/header>\n\t\t<\/div>\n\t\t<div class=\"post-content\">\n\t\t\t<a href=\"https:\/\/www.psib-psoe.org\/mallorca\/la-federacio-socialista-de-mallorca-organitza-un-acte-en-record-de-pilar-sanchez-assassinada-i-torturada-el-1936-a-sencelles-per-falangistes\/\" class=\"more-link\">Read More<\/a>\n\t\t<\/div>\n\t\t\t<aside class=\"post-bottom-meta hide\">\n\t\t<strong rel=\"author\" itemprop=\"author\" class=\"author vcard\"><span class=\"fn\">Socialistes de Mallorca<\/span><\/strong>\n\t\t<time class=\"date published time\" datetime=\"2022-10-26T11:56:02+02:00\" itemprop=\"datePublished\" content=\"2022-10-26T11:56:02+02:00\">26\/10\/2022<\/time>\n\t\t<meta itemprop=\"dateModified\" class=\"date updated\" content=\"2022-10-26T11:56:02+02:00\">\n\t\t<span class=\"hide\" itemprop=\"publisher\" itemscope itemtype=\"https:\/\/schema.org\/Organization\">\n\t\t\t<meta itemprop=\"name\" content=\"SocialistesdMca\">\n\t\t\t<span itemprop=\"logo\" itemscope itemtype=\"https:\/\/schema.org\/ImageObject\">\n\t\t\t\t<meta itemprop=\"url\" content=\"https:\/\/www.psib-psoe.org\/mallorca\/wp-content\/themes\/notio-wp\/assets\/img\/logo.png\">\n\t\t\t<\/span>\n\t\t\t<meta itemprop=\"url\" content=\"https:\/\/www.psib-psoe.org\/mallorca\/\">\n\t\t<\/span>\n\t\t\t\t<span class=\"hide\" itemprop=\"image\" itemscope itemtype=\"http:\/\/schema.org\/ImageObject\">\n\t\t\t<meta itemprop=\"url\" content=\"https:\/\/www.psib-psoe.org\/mallorca\/wp-content\/uploads\/ACTE-EN-RECORD-PILAR-SA\u0301NCHEZ-1.jpg\">\n\t\t\t<meta itemprop=\"width\" content=\"6000\">\n\t\t\t<meta itemprop=\"height\" content=\"4000\">\n\t\t<\/span>\n\t\t\t\t<meta itemscope itemprop=\"mainEntityOfPage\" itemtype=\"https:\/\/schema.org\/WebPage\" itemid=\"https:\/\/www.psib-psoe.org\/mallorca\/la-federacio-socialista-de-mallorca-organitza-un-acte-en-record-de-pilar-sanchez-assassinada-i-torturada-el-1936-a-sencelles-per-falangistes\/\">\n\t<\/aside>\n\t\t<\/article>\n<\/div>\n<div class=\"small-12 large-4 columns\">\n\t<article itemscope itemtype=\"http:\/\/schema.org\/Article\" class=\"post blog-style7 alt post-27070 type-post status-publish format-standard has-post-thumbnail hentry category-federacio-de-mallorca category-municipis category-portada tag-alfonso-rodriguez tag-calvia tag-jaume-oliver tag-jose-hila tag-llucmajor tag-marratxi tag-miquel-cabot tag-palma tag-silvia-cano\" role=\"article\">\n\t\t<figure class=\"post-gallery\"><img loading=\"lazy\" decoding=\"async\" width=\"600\" height=\"400\" src=\"https:\/\/www.psib-psoe.org\/mallorca\/wp-content\/uploads\/20221021_ACTE-AREA-METROPOLITANA-3-600x400.jpeg\" class=\"attachment-notio-general-x2 size-notio-general-x2 wp-post-image\" alt=\"\" srcset=\"https:\/\/www.psib-psoe.org\/mallorca\/wp-content\/uploads\/20221021_ACTE-AREA-METROPOLITANA-3-600x400.jpeg 600w, https:\/\/www.psib-psoe.org\/mallorca\/wp-content\/uploads\/20221021_ACTE-AREA-METROPOLITANA-3-300x200.jpeg 300w, https:\/\/www.psib-psoe.org\/mallorca\/wp-content\/uploads\/20221021_ACTE-AREA-METROPOLITANA-3-900x600.jpeg 900w, https:\/\/www.psib-psoe.org\/mallorca\/wp-content\/uploads\/20221021_ACTE-AREA-METROPOLITANA-3-20x13.jpeg 20w\" sizes=\"(max-width: 600px) 100vw, 600px\" \/><\/figure>\n\t\t<div class=\"blog-top\">\n\t\t\t<header class=\"post-title entry-header\">\n\t\t\t\t<aside class=\"post-meta cf\">\n\t\t22\/10\/2022 \/ <a href=\"https:\/\/www.psib-psoe.org\/mallorca\/category\/federacio-de-mallorca\/\" rel=\"category tag\">Federaci\u00f3 de Mallorca<\/a>, <a href=\"https:\/\/www.psib-psoe.org\/mallorca\/category\/municipis\/\" rel=\"category tag\">Municipis<\/a>, <a href=\"https:\/\/www.psib-psoe.org\/mallorca\/category\/portada\/\" rel=\"category tag\">Portada<\/a><\/aside>\n\t\t\t\t<h3 itemprop=\"headline\"><a href=\"https:\/\/www.psib-psoe.org\/mallorca\/creacio-equip-feina-area-metropolitana-solucions-conjuntes-palma-calvia-marratxi-llucmajor\/\" title=\"Els Socialistes de Mallorca creen l\u2019equip de feina de l\u2019\u00c0rea Metropolitana per treballar en solucions conjuntes per a Palma, Calvi\u00e0, Marratx\u00ed i Llucmajor\">Els Socialistes de Mallorca creen l\u2019equip de feina de l\u2019\u00c0rea Metropolitana per treballar en solucions conjuntes per a Palma, Calvi\u00e0, Marratx\u00ed i Llucmajor<\/a><\/h3>\n\t\t\t<\/header>\n\t\t<\/div>\n\t\t<div class=\"post-content\">\n\t\t\t<a href=\"https:\/\/www.psib-psoe.org\/mallorca\/creacio-equip-feina-area-metropolitana-solucions-conjuntes-palma-calvia-marratxi-llucmajor\/\" class=\"more-link\">Read More<\/a>\n\t\t<\/div>\n\t\t\t<aside class=\"post-bottom-meta hide\">\n\t\t<strong rel=\"author\" itemprop=\"author\" class=\"author vcard\"><span class=\"fn\">Albert<\/span><\/strong>\n\t\t<time class=\"date published time\" datetime=\"2022-10-22T11:31:36+02:00\" itemprop=\"datePublished\" content=\"2022-10-22T11:31:36+02:00\">22\/10\/2022<\/time>\n\t\t<meta itemprop=\"dateModified\" class=\"date updated\" content=\"2022-10-28T12:28:57+02:00\">\n\t\t<span class=\"hide\" itemprop=\"publisher\" itemscope itemtype=\"https:\/\/schema.org\/Organization\">\n\t\t\t<meta itemprop=\"name\" content=\"SocialistesdMca\">\n\t\t\t<span itemprop=\"logo\" itemscope itemtype=\"https:\/\/schema.org\/ImageObject\">\n\t\t\t\t<meta itemprop=\"url\" content=\"https:\/\/www.psib-psoe.org\/mallorca\/wp-content\/themes\/notio-wp\/assets\/img\/logo.png\">\n\t\t\t<\/span>\n\t\t\t<meta itemprop=\"url\" content=\"https:\/\/www.psib-psoe.org\/mallorca\/\">\n\t\t<\/span>\n\t\t\t\t<span class=\"hide\" itemprop=\"image\" itemscope itemtype=\"http:\/\/schema.org\/ImageObject\">\n\t\t\t<meta itemprop=\"url\" content=\"https:\/\/www.psib-psoe.org\/mallorca\/wp-content\/uploads\/20221021_ACTE-AREA-METROPOLITANA-3.jpeg\">\n\t\t\t<meta itemprop=\"width\" content=\"2500\">\n\t\t\t<meta itemprop=\"height\" content=\"1875\">\n\t\t<\/span>\n\t\t\t\t<meta itemscope itemprop=\"mainEntityOfPage\" itemtype=\"https:\/\/schema.org\/WebPage\" itemid=\"https:\/\/www.psib-psoe.org\/mallorca\/creacio-equip-feina-area-metropolitana-solucions-conjuntes-palma-calvia-marratxi-llucmajor\/\">\n\t<\/aside>\n\t\t<\/article>\n<\/div>\n<div class=\"small-12 large-4 columns\">\n\t<article itemscope itemtype=\"http:\/\/schema.org\/Article\" class=\"post blog-style7 alt post-27038 type-post status-publish format-standard has-post-thumbnail hentry category-federacio-de-mallorca category-federacio-de-mallorca-portada category-portada tag-antoni-alemany-i-cladera tag-catalina-cladera tag-escola-de-tardor tag-federacio-socialista-de-mallorca tag-idoia-mendia tag-ignacio-urquizu\" role=\"article\">\n\t\t<figure class=\"post-gallery\"><img loading=\"lazy\" decoding=\"async\" width=\"600\" height=\"400\" src=\"https:\/\/www.psib-psoe.org\/mallorca\/wp-content\/uploads\/071022-Escola-de-Tardor-Antoni-Alemany-i-Cladera-600x400.jpg\" class=\"attachment-notio-general-x2 size-notio-general-x2 wp-post-image\" alt=\"\" srcset=\"https:\/\/www.psib-psoe.org\/mallorca\/wp-content\/uploads\/071022-Escola-de-Tardor-Antoni-Alemany-i-Cladera-600x400.jpg 600w, https:\/\/www.psib-psoe.org\/mallorca\/wp-content\/uploads\/071022-Escola-de-Tardor-Antoni-Alemany-i-Cladera-300x200.jpg 300w, https:\/\/www.psib-psoe.org\/mallorca\/wp-content\/uploads\/071022-Escola-de-Tardor-Antoni-Alemany-i-Cladera-900x600.jpg 900w, https:\/\/www.psib-psoe.org\/mallorca\/wp-content\/uploads\/071022-Escola-de-Tardor-Antoni-Alemany-i-Cladera-20x13.jpg 20w\" sizes=\"(max-width: 600px) 100vw, 600px\" \/><\/figure>\n\t\t<div class=\"blog-top\">\n\t\t\t<header class=\"post-title entry-header\">\n\t\t\t\t<aside class=\"post-meta cf\">\n\t\t07\/10\/2022 \/ <a href=\"https:\/\/www.psib-psoe.org\/mallorca\/category\/federacio-de-mallorca\/\" rel=\"category tag\">Federaci\u00f3 de Mallorca<\/a>, <a href=\"https:\/\/www.psib-psoe.org\/mallorca\/category\/federacio-de-mallorca-portada\/\" rel=\"category tag\">Federaci\u00f3 de Mallorca - Portada<\/a>, <a href=\"https:\/\/www.psib-psoe.org\/mallorca\/category\/portada\/\" rel=\"category tag\">Portada<\/a><\/aside>\n\t\t\t\t<h3 itemprop=\"headline\"><a href=\"https:\/\/www.psib-psoe.org\/mallorca\/catalina-cladera-aquesta-escola-de-tardor-antoni-alemany-i-cladera-servira-per-compartir-pensaments-i-ideologia-i-reforcar-nos-de-cara-a-les-eleccions-del-2023\/\" title=\"Catalina Cladera: \u201cAquesta Escola de Tardor Antoni Alemany i Cladera servir\u00e0 per compartir pensaments i ideologia i refor\u00e7ar-nos de cara a les eleccions del 2023\u201d\">Catalina Cladera: \u201cAquesta Escola de Tardor Antoni Alemany i Cladera servir\u00e0 per compartir pensaments i ideologia i refor\u00e7ar-nos de cara a les eleccions del 2023\u201d<\/a><\/h3>\n\t\t\t<\/header>\n\t\t<\/div>\n\t\t<div class=\"post-content\">\n\t\t\t<a href=\"https:\/\/www.psib-psoe.org\/mallorca\/catalina-cladera-aquesta-escola-de-tardor-antoni-alemany-i-cladera-servira-per-compartir-pensaments-i-ideologia-i-reforcar-nos-de-cara-a-les-eleccions-del-2023\/\" class=\"more-link\">Read More<\/a>\n\t\t<\/div>\n\t\t\t<aside class=\"post-bottom-meta hide\">\n\t\t<strong rel=\"author\" itemprop=\"author\" class=\"author vcard\"><span class=\"fn\">Socialistes de Mallorca<\/span><\/strong>\n\t\t<time class=\"date published time\" datetime=\"2022-10-07T20:01:43+02:00\" itemprop=\"datePublished\" content=\"2022-10-07T20:01:43+02:00\">07\/10\/2022<\/time>\n\t\t<meta itemprop=\"dateModified\" class=\"date updated\" content=\"2022-10-07T20:01:43+02:00\">\n\t\t<span class=\"hide\" itemprop=\"publisher\" itemscope itemtype=\"https:\/\/schema.org\/Organization\">\n\t\t\t<meta itemprop=\"name\" content=\"SocialistesdMca\">\n\t\t\t<span itemprop=\"logo\" itemscope itemtype=\"https:\/\/schema.org\/ImageObject\">\n\t\t\t\t<meta itemprop=\"url\" content=\"https:\/\/www.psib-psoe.org\/mallorca\/wp-content\/themes\/notio-wp\/assets\/img\/logo.png\">\n\t\t\t<\/span>\n\t\t\t<meta itemprop=\"url\" content=\"https:\/\/www.psib-psoe.org\/mallorca\/\">\n\t\t<\/span>\n\t\t\t\t<span class=\"hide\" itemprop=\"image\" itemscope itemtype=\"http:\/\/schema.org\/ImageObject\">\n\t\t\t<meta itemprop=\"url\" content=\"https:\/\/www.psib-psoe.org\/mallorca\/wp-content\/uploads\/071022-Escola-de-Tardor-Antoni-Alemany-i-Cladera.jpg\">\n\t\t\t<meta itemprop=\"width\" content=\"4032\">\n\t\t\t<meta itemprop=\"height\" content=\"3024\">\n\t\t<\/span>\n\t\t\t\t<meta itemscope itemprop=\"mainEntityOfPage\" itemtype=\"https:\/\/schema.org\/WebPage\" itemid=\"https:\/\/www.psib-psoe.org\/mallorca\/catalina-cladera-aquesta-escola-de-tardor-antoni-alemany-i-cladera-servira-per-compartir-pensaments-i-ideologia-i-reforcar-nos-de-cara-a-les-eleccions-del-2023\/\">\n\t<\/aside>\n\t\t<\/article>\n<\/div>\n<div class=\"small-12 large-4 columns\">\n\t<article itemscope itemtype=\"http:\/\/schema.org\/Article\" class=\"post blog-style7 alt post-27027 type-post status-publish format-standard has-post-thumbnail hentry category-federacio-de-mallorca category-portada\" role=\"article\">\n\t\t<figure class=\"post-gallery\"><img loading=\"lazy\" decoding=\"async\" width=\"600\" height=\"400\" src=\"https:\/\/www.psib-psoe.org\/mallorca\/wp-content\/uploads\/LA-INNOVACI\u00d3-COM-A-RESPOSTA-DAVANT-LA-CRISI.-NOUS-LIDERATGES-PER-A-NOUS-TEMPS.-600x400.png\" class=\"attachment-notio-general-x2 size-notio-general-x2 wp-post-image\" alt=\"\" srcset=\"https:\/\/www.psib-psoe.org\/mallorca\/wp-content\/uploads\/LA-INNOVACI\u00d3-COM-A-RESPOSTA-DAVANT-LA-CRISI.-NOUS-LIDERATGES-PER-A-NOUS-TEMPS.-600x400.png 600w, https:\/\/www.psib-psoe.org\/mallorca\/wp-content\/uploads\/LA-INNOVACI\u00d3-COM-A-RESPOSTA-DAVANT-LA-CRISI.-NOUS-LIDERATGES-PER-A-NOUS-TEMPS.-300x200.png 300w, https:\/\/www.psib-psoe.org\/mallorca\/wp-content\/uploads\/LA-INNOVACI\u00d3-COM-A-RESPOSTA-DAVANT-LA-CRISI.-NOUS-LIDERATGES-PER-A-NOUS-TEMPS.-900x600.png 900w, https:\/\/www.psib-psoe.org\/mallorca\/wp-content\/uploads\/LA-INNOVACI\u00d3-COM-A-RESPOSTA-DAVANT-LA-CRISI.-NOUS-LIDERATGES-PER-A-NOUS-TEMPS.-20x13.png 20w\" sizes=\"(max-width: 600px) 100vw, 600px\" \/><\/figure>\n\t\t<div class=\"blog-top\">\n\t\t\t<header class=\"post-title entry-header\">\n\t\t\t\t<aside class=\"post-meta cf\">\n\t\t06\/10\/2022 \/ <a href=\"https:\/\/www.psib-psoe.org\/mallorca\/category\/federacio-de-mallorca\/\" rel=\"category tag\">Federaci\u00f3 de Mallorca<\/a>, <a href=\"https:\/\/www.psib-psoe.org\/mallorca\/category\/portada\/\" rel=\"category tag\">Portada<\/a><\/aside>\n\t\t\t\t<h3 itemprop=\"headline\"><a href=\"https:\/\/www.psib-psoe.org\/mallorca\/els-socialistes-de-mallorca-celebren-la-primera-edicio-de-lescola-de-tardor-antoni-alemany-i-cladera\/\" title=\"Els Socialistes de Mallorca celebren la primera edici\u00f3 de l\u2019Escola de Tardor Antoni Alemany i Cladera\">Els Socialistes de Mallorca celebren la primera edici\u00f3 de l\u2019Escola de Tardor Antoni Alemany i Cladera<\/a><\/h3>\n\t\t\t<\/header>\n\t\t<\/div>\n\t\t<div class=\"post-content\">\n\t\t\t<a href=\"https:\/\/www.psib-psoe.org\/mallorca\/els-socialistes-de-mallorca-celebren-la-primera-edicio-de-lescola-de-tardor-antoni-alemany-i-cladera\/\" class=\"more-link\">Read More<\/a>\n\t\t<\/div>\n\t\t\t<aside class=\"post-bottom-meta hide\">\n\t\t<strong rel=\"author\" itemprop=\"author\" class=\"author vcard\"><span class=\"fn\">Marc<\/span><\/strong>\n\t\t<time class=\"date published time\" datetime=\"2022-10-06T12:53:52+02:00\" itemprop=\"datePublished\" content=\"2022-10-06T12:53:52+02:00\">06\/10\/2022<\/time>\n\t\t<meta itemprop=\"dateModified\" class=\"date updated\" content=\"2022-10-06T12:54:34+02:00\">\n\t\t<span class=\"hide\" itemprop=\"publisher\" itemscope itemtype=\"https:\/\/schema.org\/Organization\">\n\t\t\t<meta itemprop=\"name\" content=\"SocialistesdMca\">\n\t\t\t<span itemprop=\"logo\" itemscope itemtype=\"https:\/\/schema.org\/ImageObject\">\n\t\t\t\t<meta itemprop=\"url\" content=\"https:\/\/www.psib-psoe.org\/mallorca\/wp-content\/themes\/notio-wp\/assets\/img\/logo.png\">\n\t\t\t<\/span>\n\t\t\t<meta itemprop=\"url\" content=\"https:\/\/www.psib-psoe.org\/mallorca\/\">\n\t\t<\/span>\n\t\t\t\t<span class=\"hide\" itemprop=\"image\" itemscope itemtype=\"http:\/\/schema.org\/ImageObject\">\n\t\t\t<meta itemprop=\"url\" content=\"https:\/\/www.psib-psoe.org\/mallorca\/wp-content\/uploads\/LA-INNOVACI\u00d3-COM-A-RESPOSTA-DAVANT-LA-CRISI.-NOUS-LIDERATGES-PER-A-NOUS-TEMPS..png\">\n\t\t\t<meta itemprop=\"width\" content=\"1920\">\n\t\t\t<meta itemprop=\"height\" content=\"1080\">\n\t\t<\/span>\n\t\t\t\t<meta itemscope itemprop=\"mainEntityOfPage\" itemtype=\"https:\/\/schema.org\/WebPage\" itemid=\"https:\/\/www.psib-psoe.org\/mallorca\/els-socialistes-de-mallorca-celebren-la-primera-edicio-de-lescola-de-tardor-antoni-alemany-i-cladera\/\">\n\t<\/aside>\n\t\t<\/article>\n<\/div>\n<div class=\"small-12 large-4 columns\">\n\t<article itemscope itemtype=\"http:\/\/schema.org\/Article\" class=\"post blog-style7 alt post-27022 type-post status-publish format-standard has-post-thumbnail hentry category-federacio-de-mallorca category-municipis category-portada tag-pollenca tag-psib-psoe\" role=\"article\">\n\t\t<figure class=\"post-gallery\"><img loading=\"lazy\" decoding=\"async\" width=\"600\" height=\"400\" src=\"https:\/\/www.psib-psoe.org\/mallorca\/wp-content\/uploads\/05102022-Agrupacio\u0301-Socialista-Pollenc\u0327a--600x400.jpeg\" class=\"attachment-notio-general-x2 size-notio-general-x2 wp-post-image\" alt=\"\" srcset=\"https:\/\/www.psib-psoe.org\/mallorca\/wp-content\/uploads\/05102022-Agrupacio\u0301-Socialista-Pollenc\u0327a--600x400.jpeg 600w, https:\/\/www.psib-psoe.org\/mallorca\/wp-content\/uploads\/05102022-Agrupacio\u0301-Socialista-Pollenc\u0327a--300x200.jpeg 300w, https:\/\/www.psib-psoe.org\/mallorca\/wp-content\/uploads\/05102022-Agrupacio\u0301-Socialista-Pollenc\u0327a--900x600.jpeg 900w, https:\/\/www.psib-psoe.org\/mallorca\/wp-content\/uploads\/05102022-Agrupacio\u0301-Socialista-Pollenc\u0327a--20x13.jpeg 20w\" sizes=\"(max-width: 600px) 100vw, 600px\" \/><\/figure>\n\t\t<div class=\"blog-top\">\n\t\t\t<header class=\"post-title entry-header\">\n\t\t\t\t<aside class=\"post-meta cf\">\n\t\t05\/10\/2022 \/ <a href=\"https:\/\/www.psib-psoe.org\/mallorca\/category\/federacio-de-mallorca\/\" rel=\"category tag\">Federaci\u00f3 de Mallorca<\/a>, <a href=\"https:\/\/www.psib-psoe.org\/mallorca\/category\/municipis\/\" rel=\"category tag\">Municipis<\/a>, <a href=\"https:\/\/www.psib-psoe.org\/mallorca\/category\/portada\/\" rel=\"category tag\">Portada<\/a><\/aside>\n\t\t\t\t<h3 itemprop=\"headline\"><a href=\"https:\/\/www.psib-psoe.org\/mallorca\/lagrupacio-socialista-de-pollenca-es-presentara-en-solitari-a-les-eleccions-municipals-del-2023\/\" title=\"L\u2019Agrupaci\u00f3 Socialista de Pollen\u00e7a es presentar\u00e0 en solitari a les eleccions municipals del 2023\">L\u2019Agrupaci\u00f3 Socialista de Pollen\u00e7a es presentar\u00e0 en solitari a les eleccions municipals del 2023<\/a><\/h3>\n\t\t\t<\/header>\n\t\t<\/div>\n\t\t<div class=\"post-content\">\n\t\t\t<a href=\"https:\/\/www.psib-psoe.org\/mallorca\/lagrupacio-socialista-de-pollenca-es-presentara-en-solitari-a-les-eleccions-municipals-del-2023\/\" class=\"more-link\">Read More<\/a>\n\t\t<\/div>\n\t\t\t<aside class=\"post-bottom-meta hide\">\n\t\t<strong rel=\"author\" itemprop=\"author\" class=\"author vcard\"><span class=\"fn\">Socialistes de Mallorca<\/span><\/strong>\n\t\t<time class=\"date published time\" datetime=\"2022-10-05T13:12:43+02:00\" itemprop=\"datePublished\" content=\"2022-10-05T13:12:43+02:00\">05\/10\/2022<\/time>\n\t\t<meta itemprop=\"dateModified\" class=\"date updated\" content=\"2022-10-05T13:25:59+02:00\">\n\t\t<span class=\"hide\" itemprop=\"publisher\" itemscope itemtype=\"https:\/\/schema.org\/Organization\">\n\t\t\t<meta itemprop=\"name\" content=\"SocialistesdMca\">\n\t\t\t<span itemprop=\"logo\" itemscope itemtype=\"https:\/\/schema.org\/ImageObject\">\n\t\t\t\t<meta itemprop=\"url\" content=\"https:\/\/www.psib-psoe.org\/mallorca\/wp-content\/themes\/notio-wp\/assets\/img\/logo.png\">\n\t\t\t<\/span>\n\t\t\t<meta itemprop=\"url\" content=\"https:\/\/www.psib-psoe.org\/mallorca\/\">\n\t\t<\/span>\n\t\t\t\t<span class=\"hide\" itemprop=\"image\" itemscope itemtype=\"http:\/\/schema.org\/ImageObject\">\n\t\t\t<meta itemprop=\"url\" content=\"https:\/\/www.psib-psoe.org\/mallorca\/wp-content\/uploads\/05102022-Agrupacio\u0301-Socialista-Pollenc\u0327a-.jpeg\">\n\t\t\t<meta itemprop=\"width\" content=\"2000\">\n\t\t\t<meta itemprop=\"height\" content=\"1496\">\n\t\t<\/span>\n\t\t\t\t<meta itemscope itemprop=\"mainEntityOfPage\" itemtype=\"https:\/\/schema.org\/WebPage\" itemid=\"https:\/\/www.psib-psoe.org\/mallorca\/lagrupacio-socialista-de-pollenca-es-presentara-en-solitari-a-les-eleccions-municipals-del-2023\/\">\n\t<\/aside>\n\t\t<\/article>\n<\/div>\n<div class=\"small-12 large-4 columns\">\n\t<article itemscope itemtype=\"http:\/\/schema.org\/Article\" class=\"post blog-style7 alt post-27016 type-post status-publish format-standard has-post-thumbnail hentry category-consell-de-mallorca category-federacio-de-mallorca category-federacio-de-mallorca-portada category-portada tag-catalina-cladera tag-consell-de-mallorca tag-psib-psoe tag-socialistes-de-mallorca\" role=\"article\">\n\t\t<figure class=\"post-gallery\"><img loading=\"lazy\" decoding=\"async\" width=\"600\" height=\"400\" src=\"https:\/\/www.psib-psoe.org\/mallorca\/wp-content\/uploads\/300922-Candidatura-Catalinca-Cladera-2-600x400.jpeg\" class=\"attachment-notio-general-x2 size-notio-general-x2 wp-post-image\" alt=\"\" srcset=\"https:\/\/www.psib-psoe.org\/mallorca\/wp-content\/uploads\/300922-Candidatura-Catalinca-Cladera-2-600x400.jpeg 600w, https:\/\/www.psib-psoe.org\/mallorca\/wp-content\/uploads\/300922-Candidatura-Catalinca-Cladera-2-300x200.jpeg 300w, https:\/\/www.psib-psoe.org\/mallorca\/wp-content\/uploads\/300922-Candidatura-Catalinca-Cladera-2-900x600.jpeg 900w, https:\/\/www.psib-psoe.org\/mallorca\/wp-content\/uploads\/300922-Candidatura-Catalinca-Cladera-2-20x13.jpeg 20w\" sizes=\"(max-width: 600px) 100vw, 600px\" \/><\/figure>\n\t\t<div class=\"blog-top\">\n\t\t\t<header class=\"post-title entry-header\">\n\t\t\t\t<aside class=\"post-meta cf\">\n\t\t30\/09\/2022 \/ <a href=\"https:\/\/www.psib-psoe.org\/mallorca\/category\/consell-de-mallorca\/\" rel=\"category tag\">Consell de Mallorca<\/a>, <a href=\"https:\/\/www.psib-psoe.org\/mallorca\/category\/federacio-de-mallorca\/\" rel=\"category tag\">Federaci\u00f3 de Mallorca<\/a>, <a href=\"https:\/\/www.psib-psoe.org\/mallorca\/category\/federacio-de-mallorca-portada\/\" rel=\"category tag\">Federaci\u00f3 de Mallorca - Portada<\/a>, <a href=\"https:\/\/www.psib-psoe.org\/mallorca\/category\/portada\/\" rel=\"category tag\">Portada<\/a><\/aside>\n\t\t\t\t<h3 itemprop=\"headline\"><a href=\"https:\/\/www.psib-psoe.org\/mallorca\/catalina-cladera-tornara-a-ser-la-candidata-dels-socialistes-de-mallorca-a-la-presidencia-del-consell-de-mallorca-amb-lobjectiu-de-continuar-transformant-lilla\/\" title=\"Catalina Cladera tornar\u00e0 a ser la candidata dels Socialistes de Mallorca a la presid\u00e8ncia del Consell de Mallorca amb l\u2019objectiu de continuar transformant l\u2019illa\">Catalina Cladera tornar\u00e0 a ser la candidata dels Socialistes de Mallorca a la presid\u00e8ncia del Consell de Mallorca amb l\u2019objectiu de continuar transformant l\u2019illa<\/a><\/h3>\n\t\t\t<\/header>\n\t\t<\/div>\n\t\t<div class=\"post-content\">\n\t\t\t<a href=\"https:\/\/www.psib-psoe.org\/mallorca\/catalina-cladera-tornara-a-ser-la-candidata-dels-socialistes-de-mallorca-a-la-presidencia-del-consell-de-mallorca-amb-lobjectiu-de-continuar-transformant-lilla\/\" class=\"more-link\">Read More<\/a>\n\t\t<\/div>\n\t\t\t<aside class=\"post-bottom-meta hide\">\n\t\t<strong rel=\"author\" itemprop=\"author\" class=\"author vcard\"><span class=\"fn\">Socialistes de Mallorca<\/span><\/strong>\n\t\t<time class=\"date published time\" datetime=\"2022-09-30T11:45:10+02:00\" itemprop=\"datePublished\" content=\"2022-09-30T11:45:10+02:00\">30\/09\/2022<\/time>\n\t\t<meta itemprop=\"dateModified\" class=\"date updated\" content=\"2022-09-30T12:04:58+02:00\">\n\t\t<span class=\"hide\" itemprop=\"publisher\" itemscope itemtype=\"https:\/\/schema.org\/Organization\">\n\t\t\t<meta itemprop=\"name\" content=\"SocialistesdMca\">\n\t\t\t<span itemprop=\"logo\" itemscope itemtype=\"https:\/\/schema.org\/ImageObject\">\n\t\t\t\t<meta itemprop=\"url\" content=\"https:\/\/www.psib-psoe.org\/mallorca\/wp-content\/themes\/notio-wp\/assets\/img\/logo.png\">\n\t\t\t<\/span>\n\t\t\t<meta itemprop=\"url\" content=\"https:\/\/www.psib-psoe.org\/mallorca\/\">\n\t\t<\/span>\n\t\t\t\t<span class=\"hide\" itemprop=\"image\" itemscope itemtype=\"http:\/\/schema.org\/ImageObject\">\n\t\t\t<meta itemprop=\"url\" content=\"https:\/\/www.psib-psoe.org\/mallorca\/wp-content\/uploads\/300922-Candidatura-Catalinca-Cladera-2.jpeg\">\n\t\t\t<meta itemprop=\"width\" content=\"3859\">\n\t\t\t<meta itemprop=\"height\" content=\"2894\">\n\t\t<\/span>\n\t\t\t\t<meta itemscope itemprop=\"mainEntityOfPage\" itemtype=\"https:\/\/schema.org\/WebPage\" itemid=\"https:\/\/www.psib-psoe.org\/mallorca\/catalina-cladera-tornara-a-ser-la-candidata-dels-socialistes-de-mallorca-a-la-presidencia-del-consell-de-mallorca-amb-lobjectiu-de-continuar-transformant-lilla\/\">\n\t<\/aside>\n\t\t<\/article>\n<\/div>\n<div class=\"small-12 large-4 columns\">\n\t<article itemscope itemtype=\"http:\/\/schema.org\/Article\" class=\"post blog-style7 alt post-27009 type-post status-publish format-standard hentry category-federacio-de-mallorca tag-benestar-emocional tag-jsib tag-patricia-gomez tag-salut-mental\" role=\"article\">\n\t\t<figure class=\"post-gallery\"><\/figure>\n\t\t<div class=\"blog-top\">\n\t\t\t<header class=\"post-title entry-header\">\n\t\t\t\t<aside class=\"post-meta cf\">\n\t\t26\/09\/2022 \/ <a href=\"https:\/\/www.psib-psoe.org\/mallorca\/category\/federacio-de-mallorca\/\" rel=\"category tag\">Federaci\u00f3 de Mallorca<\/a><\/aside>\n\t\t\t\t<h3 itemprop=\"headline\"><a href=\"https:\/\/www.psib-psoe.org\/mallorca\/jsib-reivindiquen-salut-mental-politica-juvenil-prioritaria-govern\/\" title=\"Les Joventuts Socialistes de les Illes Balears (JSIB) reivindiquen la salut mental com a pol\u00edtica juvenil priorit\u00e0ria en l\u2019acci\u00f3 de govern\">Les Joventuts Socialistes de les Illes Balears (JSIB) reivindiquen la salut mental com a pol\u00edtica juvenil priorit\u00e0ria en l\u2019acci\u00f3 de govern<\/a><\/h3>\n\t\t\t<\/header>\n\t\t<\/div>\n\t\t<div class=\"post-content\">\n\t\t\t<a href=\"https:\/\/www.psib-psoe.org\/mallorca\/jsib-reivindiquen-salut-mental-politica-juvenil-prioritaria-govern\/\" class=\"more-link\">Read More<\/a>\n\t\t<\/div>\n\t\t\t<aside class=\"post-bottom-meta hide\">\n\t\t<strong rel=\"author\" itemprop=\"author\" class=\"author vcard\"><span class=\"fn\">Albert<\/span><\/strong>\n\t\t<time class=\"date published time\" datetime=\"2022-09-26T18:52:57+02:00\" itemprop=\"datePublished\" content=\"2022-09-26T18:52:57+02:00\">26\/09\/2022<\/time>\n\t\t<meta itemprop=\"dateModified\" class=\"date updated\" content=\"2022-09-26T18:52:57+02:00\">\n\t\t<span class=\"hide\" itemprop=\"publisher\" itemscope itemtype=\"https:\/\/schema.org\/Organization\">\n\t\t\t<meta itemprop=\"name\" content=\"SocialistesdMca\">\n\t\t\t<span itemprop=\"logo\" itemscope itemtype=\"https:\/\/schema.org\/ImageObject\">\n\t\t\t\t<meta itemprop=\"url\" content=\"https:\/\/www.psib-psoe.org\/mallorca\/wp-content\/themes\/notio-wp\/assets\/img\/logo.png\">\n\t\t\t<\/span>\n\t\t\t<meta itemprop=\"url\" content=\"https:\/\/www.psib-psoe.org\/mallorca\/\">\n\t\t<\/span>\n\t\t\t\t<meta itemscope itemprop=\"mainEntityOfPage\" itemtype=\"https:\/\/schema.org\/WebPage\" itemid=\"https:\/\/www.psib-psoe.org\/mallorca\/jsib-reivindiquen-salut-mental-politica-juvenil-prioritaria-govern\/\">\n\t<\/aside>\n\t\t<\/article>\n<\/div>\n<div class=\"small-12 large-4 columns\">\n\t<article itemscope itemtype=\"http:\/\/schema.org\/Article\" class=\"post blog-style7 alt post-27006 type-post status-publish format-standard has-post-thumbnail hentry category-federacio-de-mallorca tag-federacio-socialista-de-mallorca\" role=\"article\">\n\t\t<figure class=\"post-gallery\"><img loading=\"lazy\" decoding=\"async\" width=\"600\" height=\"400\" src=\"https:\/\/www.psib-psoe.org\/mallorca\/wp-content\/uploads\/240922-Festa-de-la-Rosa-Palma-3-scaled-600x400.jpg\" class=\"attachment-notio-general-x2 size-notio-general-x2 wp-post-image\" alt=\"\" srcset=\"https:\/\/www.psib-psoe.org\/mallorca\/wp-content\/uploads\/240922-Festa-de-la-Rosa-Palma-3-scaled-600x400.jpg 600w, https:\/\/www.psib-psoe.org\/mallorca\/wp-content\/uploads\/240922-Festa-de-la-Rosa-Palma-3-scaled-300x200.jpg 300w, https:\/\/www.psib-psoe.org\/mallorca\/wp-content\/uploads\/240922-Festa-de-la-Rosa-Palma-3-scaled-768x512.jpg 768w, https:\/\/www.psib-psoe.org\/mallorca\/wp-content\/uploads\/240922-Festa-de-la-Rosa-Palma-3-scaled-1024x683.jpg 1024w, https:\/\/www.psib-psoe.org\/mallorca\/wp-content\/uploads\/240922-Festa-de-la-Rosa-Palma-3-scaled-150x100.jpg 150w, https:\/\/www.psib-psoe.org\/mallorca\/wp-content\/uploads\/240922-Festa-de-la-Rosa-Palma-3-scaled-900x600.jpg 900w, https:\/\/www.psib-psoe.org\/mallorca\/wp-content\/uploads\/240922-Festa-de-la-Rosa-Palma-3-scaled-20x13.jpg 20w\" sizes=\"(max-width: 600px) 100vw, 600px\" \/><\/figure>\n\t\t<div class=\"blog-top\">\n\t\t\t<header class=\"post-title entry-header\">\n\t\t\t\t<aside class=\"post-meta cf\">\n\t\t24\/09\/2022 \/ <a href=\"https:\/\/www.psib-psoe.org\/mallorca\/category\/federacio-de-mallorca\/\" rel=\"category tag\">Federaci\u00f3 de Mallorca<\/a><\/aside>\n\t\t\t\t<h3 itemprop=\"headline\"><a href=\"https:\/\/www.psib-psoe.org\/mallorca\/els-socialistes-de-palma-reuneixen-a-mes-de-500-persones-a-la-festa-de-la-rosa\/\" title=\"Els socialistes de Palma reuneixen a m\u00e9s de 500 persones a la Festa de la Rosa\">Els socialistes de Palma reuneixen a m\u00e9s de 500 persones a la Festa de la Rosa<\/a><\/h3>\n\t\t\t<\/header>\n\t\t<\/div>\n\t\t<div class=\"post-content\">\n\t\t\t<a href=\"https:\/\/www.psib-psoe.org\/mallorca\/els-socialistes-de-palma-reuneixen-a-mes-de-500-persones-a-la-festa-de-la-rosa\/\" class=\"more-link\">Read More<\/a>\n\t\t<\/div>\n\t\t\t<aside class=\"post-bottom-meta hide\">\n\t\t<strong rel=\"author\" itemprop=\"author\" class=\"author vcard\"><span class=\"fn\">adminpsib<\/span><\/strong>\n\t\t<time class=\"date published time\" datetime=\"2022-09-24T23:25:53+02:00\" itemprop=\"datePublished\" content=\"2022-09-24T23:25:53+02:00\">24\/09\/2022<\/time>\n\t\t<meta itemprop=\"dateModified\" class=\"date updated\" content=\"2022-09-24T23:25:53+02:00\">\n\t\t<span class=\"hide\" itemprop=\"publisher\" itemscope itemtype=\"https:\/\/schema.org\/Organization\">\n\t\t\t<meta itemprop=\"name\" content=\"SocialistesdMca\">\n\t\t\t<span itemprop=\"logo\" itemscope itemtype=\"https:\/\/schema.org\/ImageObject\">\n\t\t\t\t<meta itemprop=\"url\" content=\"https:\/\/www.psib-psoe.org\/mallorca\/wp-content\/themes\/notio-wp\/assets\/img\/logo.png\">\n\t\t\t<\/span>\n\t\t\t<meta itemprop=\"url\" content=\"https:\/\/www.psib-psoe.org\/mallorca\/\">\n\t\t<\/span>\n\t\t\t\t<span class=\"hide\" itemprop=\"image\" itemscope itemtype=\"http:\/\/schema.org\/ImageObject\">\n\t\t\t<meta itemprop=\"url\" content=\"https:\/\/www.psib-psoe.org\/mallorca\/wp-content\/uploads\/240922-Festa-de-la-Rosa-Palma-3-scaled.jpg\">\n\t\t\t<meta itemprop=\"width\" content=\"2560\">\n\t\t\t<meta itemprop=\"height\" content=\"1707\">\n\t\t<\/span>\n\t\t\t\t<meta itemscope itemprop=\"mainEntityOfPage\" itemtype=\"https:\/\/schema.org\/WebPage\" itemid=\"https:\/\/www.psib-psoe.org\/mallorca\/els-socialistes-de-palma-reuneixen-a-mes-de-500-persones-a-la-festa-de-la-rosa\/\">\n\t<\/aside>\n\t\t<\/article>\n<\/div>\n<div class=\"small-12 large-4 columns\">\n\t<article itemscope itemtype=\"http:\/\/schema.org\/Article\" class=\"post blog-style7 alt post-27000 type-post status-publish format-standard has-post-thumbnail hentry category-federacio-de-mallorca category-portada tag-catalina-cladera tag-federacio-socialista-de-mallorca tag-fsm tag-jsm tag-maria-bel-llinas tag-psib-psoe\" role=\"article\">\n\t\t<figure class=\"post-gallery\"><img loading=\"lazy\" decoding=\"async\" width=\"600\" height=\"400\" src=\"https:\/\/www.psib-psoe.org\/mallorca\/wp-content\/uploads\/210922-Executiva-FSM-2-600x400.jpg\" class=\"attachment-notio-general-x2 size-notio-general-x2 wp-post-image\" alt=\"\" srcset=\"https:\/\/www.psib-psoe.org\/mallorca\/wp-content\/uploads\/210922-Executiva-FSM-2-600x400.jpg 600w, https:\/\/www.psib-psoe.org\/mallorca\/wp-content\/uploads\/210922-Executiva-FSM-2-300x200.jpg 300w, https:\/\/www.psib-psoe.org\/mallorca\/wp-content\/uploads\/210922-Executiva-FSM-2-768x512.jpg 768w, https:\/\/www.psib-psoe.org\/mallorca\/wp-content\/uploads\/210922-Executiva-FSM-2-1024x683.jpg 1024w, https:\/\/www.psib-psoe.org\/mallorca\/wp-content\/uploads\/210922-Executiva-FSM-2-150x100.jpg 150w, https:\/\/www.psib-psoe.org\/mallorca\/wp-content\/uploads\/210922-Executiva-FSM-2-900x600.jpg 900w, https:\/\/www.psib-psoe.org\/mallorca\/wp-content\/uploads\/210922-Executiva-FSM-2-20x13.jpg 20w\" sizes=\"(max-width: 600px) 100vw, 600px\" \/><\/figure>\n\t\t<div class=\"blog-top\">\n\t\t\t<header class=\"post-title entry-header\">\n\t\t\t\t<aside class=\"post-meta cf\">\n\t\t21\/09\/2022 \/ <a href=\"https:\/\/www.psib-psoe.org\/mallorca\/category\/federacio-de-mallorca\/\" rel=\"category tag\">Federaci\u00f3 de Mallorca<\/a>, <a href=\"https:\/\/www.psib-psoe.org\/mallorca\/category\/portada\/\" rel=\"category tag\">Portada<\/a><\/aside>\n\t\t\t\t<h3 itemprop=\"headline\"><a href=\"https:\/\/www.psib-psoe.org\/mallorca\/els-socialistes-de-mallorca-fixen-que-la-generacio-doportunitats-leconomia-circular-i-la-defensa-dels-drets-individuals-i-collectius-han-de-ser-els-reptes-per-als-proxims-anys-a-mal\/\" title=\"Els socialistes de Mallorca fixen que la generaci\u00f3 d\u2019oportunitats, l\u2019economia circular i la defensa dels drets individuals i col\u00b7lectius han de ser els reptes per als pr\u00f2xims anys a Mallorca\">Els socialistes de Mallorca fixen que la generaci\u00f3 d\u2019oportunitats, l\u2019economia circular i la defensa dels drets individuals i col\u00b7lectius han de ser els reptes per als pr\u00f2xims anys a Mallorca<\/a><\/h3>\n\t\t\t<\/header>\n\t\t<\/div>\n\t\t<div class=\"post-content\">\n\t\t\t<a href=\"https:\/\/www.psib-psoe.org\/mallorca\/els-socialistes-de-mallorca-fixen-que-la-generacio-doportunitats-leconomia-circular-i-la-defensa-dels-drets-individuals-i-collectius-han-de-ser-els-reptes-per-als-proxims-anys-a-mal\/\" class=\"more-link\">Read More<\/a>\n\t\t<\/div>\n\t\t\t<aside class=\"post-bottom-meta hide\">\n\t\t<strong rel=\"author\" itemprop=\"author\" class=\"author vcard\"><span class=\"fn\">Socialistes de Mallorca<\/span><\/strong>\n\t\t<time class=\"date published time\" datetime=\"2022-09-21T18:33:50+02:00\" itemprop=\"datePublished\" content=\"2022-09-21T18:33:50+02:00\">21\/09\/2022<\/time>\n\t\t<meta itemprop=\"dateModified\" class=\"date updated\" content=\"2022-09-21T20:14:42+02:00\">\n\t\t<span class=\"hide\" itemprop=\"publisher\" itemscope itemtype=\"https:\/\/schema.org\/Organization\">\n\t\t\t<meta itemprop=\"name\" content=\"SocialistesdMca\">\n\t\t\t<span itemprop=\"logo\" itemscope itemtype=\"https:\/\/schema.org\/ImageObject\">\n\t\t\t\t<meta itemprop=\"url\" content=\"https:\/\/www.psib-psoe.org\/mallorca\/wp-content\/themes\/notio-wp\/assets\/img\/logo.png\">\n\t\t\t<\/span>\n\t\t\t<meta itemprop=\"url\" content=\"https:\/\/www.psib-psoe.org\/mallorca\/\">\n\t\t<\/span>\n\t\t\t\t<span class=\"hide\" itemprop=\"image\" itemscope itemtype=\"http:\/\/schema.org\/ImageObject\">\n\t\t\t<meta itemprop=\"url\" content=\"https:\/\/www.psib-psoe.org\/mallorca\/wp-content\/uploads\/210922-Executiva-FSM-2.jpg\">\n\t\t\t<meta itemprop=\"width\" content=\"5472\">\n\t\t\t<meta itemprop=\"height\" content=\"3648\">\n\t\t<\/span>\n\t\t\t\t<meta itemscope itemprop=\"mainEntityOfPage\" itemtype=\"https:\/\/schema.org\/WebPage\" itemid=\"https:\/\/www.psib-psoe.org\/mallorca\/els-socialistes-de-mallorca-fixen-que-la-generacio-doportunitats-leconomia-circular-i-la-defensa-dels-drets-individuals-i-collectius-han-de-ser-els-reptes-per-als-proxims-anys-a-mal\/\">\n\t<\/aside>\n\t\t<\/article>\n<\/div>\n<div class=\"small-12 large-4 columns\">\n\t<article itemscope itemtype=\"http:\/\/schema.org\/Article\" class=\"post blog-style7 alt post-26958 type-post status-publish format-standard has-post-thumbnail hentry category-federacio-de-mallorca tag-federacio-socialista-de-mallorca\" role=\"article\">\n\t\t<figure class=\"post-gallery\"><img loading=\"lazy\" decoding=\"async\" width=\"600\" height=\"400\" src=\"https:\/\/www.psib-psoe.org\/mallorca\/wp-content\/uploads\/dd47abc8-63bb-4fce-b229-f5371a336afb-600x400.jpeg\" class=\"attachment-notio-general-x2 size-notio-general-x2 wp-post-image\" alt=\"\" srcset=\"https:\/\/www.psib-psoe.org\/mallorca\/wp-content\/uploads\/dd47abc8-63bb-4fce-b229-f5371a336afb-600x400.jpeg 600w, https:\/\/www.psib-psoe.org\/mallorca\/wp-content\/uploads\/dd47abc8-63bb-4fce-b229-f5371a336afb-300x200.jpeg 300w, https:\/\/www.psib-psoe.org\/mallorca\/wp-content\/uploads\/dd47abc8-63bb-4fce-b229-f5371a336afb-900x600.jpeg 900w, https:\/\/www.psib-psoe.org\/mallorca\/wp-content\/uploads\/dd47abc8-63bb-4fce-b229-f5371a336afb-20x13.jpeg 20w\" sizes=\"(max-width: 600px) 100vw, 600px\" \/><\/figure>\n\t\t<div class=\"blog-top\">\n\t\t\t<header class=\"post-title entry-header\">\n\t\t\t\t<aside class=\"post-meta cf\">\n\t\t02\/09\/2022 \/ <a href=\"https:\/\/www.psib-psoe.org\/mallorca\/category\/federacio-de-mallorca\/\" rel=\"category tag\">Federaci\u00f3 de Mallorca<\/a><\/aside>\n\t\t\t\t<h3 itemprop=\"headline\"><a href=\"https:\/\/www.psib-psoe.org\/mallorca\/el-psib-psoe-destaca-les-mesures-dels-governs-progressistes-que-en-un-moment-de-gran-incertesa-pensen-en-les-families-i-la-classe-treballadora\/\" title=\"El PSIB-PSOE destaca les mesures dels governs progressistes que, en un moment de gran incertesa, \u201cpensen en les fam\u00edlies i la classe treballadora\u201d\">El PSIB-PSOE destaca les mesures dels governs progressistes que, en un moment de gran incertesa, \u201cpensen en les fam\u00edlies i la classe treballadora\u201d<\/a><\/h3>\n\t\t\t<\/header>\n\t\t<\/div>\n\t\t<div class=\"post-content\">\n\t\t\t<a href=\"https:\/\/www.psib-psoe.org\/mallorca\/el-psib-psoe-destaca-les-mesures-dels-governs-progressistes-que-en-un-moment-de-gran-incertesa-pensen-en-les-families-i-la-classe-treballadora\/\" class=\"more-link\">Read More<\/a>\n\t\t<\/div>\n\t\t\t<aside class=\"post-bottom-meta hide\">\n\t\t<strong rel=\"author\" itemprop=\"author\" class=\"author vcard\"><span class=\"fn\">adminpsib<\/span><\/strong>\n\t\t<time class=\"date published time\" datetime=\"2022-09-02T16:30:28+02:00\" itemprop=\"datePublished\" content=\"2022-09-02T16:30:28+02:00\">02\/09\/2022<\/time>\n\t\t<meta itemprop=\"dateModified\" class=\"date updated\" content=\"2022-09-02T16:30:28+02:00\">\n\t\t<span class=\"hide\" itemprop=\"publisher\" itemscope itemtype=\"https:\/\/schema.org\/Organization\">\n\t\t\t<meta itemprop=\"name\" content=\"SocialistesdMca\">\n\t\t\t<span itemprop=\"logo\" itemscope itemtype=\"https:\/\/schema.org\/ImageObject\">\n\t\t\t\t<meta itemprop=\"url\" content=\"https:\/\/www.psib-psoe.org\/mallorca\/wp-content\/themes\/notio-wp\/assets\/img\/logo.png\">\n\t\t\t<\/span>\n\t\t\t<meta itemprop=\"url\" content=\"https:\/\/www.psib-psoe.org\/mallorca\/\">\n\t\t<\/span>\n\t\t\t\t<span class=\"hide\" itemprop=\"image\" itemscope itemtype=\"http:\/\/schema.org\/ImageObject\">\n\t\t\t<meta itemprop=\"url\" content=\"https:\/\/www.psib-psoe.org\/mallorca\/wp-content\/uploads\/dd47abc8-63bb-4fce-b229-f5371a336afb.jpeg\">\n\t\t\t<meta itemprop=\"width\" content=\"1460\">\n\t\t\t<meta itemprop=\"height\" content=\"1095\">\n\t\t<\/span>\n\t\t\t\t<meta itemscope itemprop=\"mainEntityOfPage\" itemtype=\"https:\/\/schema.org\/WebPage\" itemid=\"https:\/\/www.psib-psoe.org\/mallorca\/el-psib-psoe-destaca-les-mesures-dels-governs-progressistes-que-en-un-moment-de-gran-incertesa-pensen-en-les-families-i-la-classe-treballadora\/\">\n\t<\/aside>\n\t\t<\/article>\n<\/div>\n<div class=\"small-12 large-4 columns\">\n\t<article itemscope itemtype=\"http:\/\/schema.org\/Article\" class=\"post blog-style7 alt post-26946 type-post status-publish format-standard has-post-thumbnail hentry category-federacio-de-mallorca category-federacio-de-mallorca-portada tag-consell-de-mallorca tag-escia tag-joan-josep-soler tag-joventuts-socialistes-de-mallorca\" role=\"article\">\n\t\t<figure class=\"post-gallery\"><img loading=\"lazy\" decoding=\"async\" width=\"600\" height=\"400\" src=\"https:\/\/www.psib-psoe.org\/mallorca\/wp-content\/uploads\/tempImagevCjZRy-600x400.jpg\" class=\"attachment-notio-general-x2 size-notio-general-x2 wp-post-image\" alt=\"\" srcset=\"https:\/\/www.psib-psoe.org\/mallorca\/wp-content\/uploads\/tempImagevCjZRy-600x400.jpg 600w, https:\/\/www.psib-psoe.org\/mallorca\/wp-content\/uploads\/tempImagevCjZRy-300x200.jpg 300w, https:\/\/www.psib-psoe.org\/mallorca\/wp-content\/uploads\/tempImagevCjZRy-900x600.jpg 900w, https:\/\/www.psib-psoe.org\/mallorca\/wp-content\/uploads\/tempImagevCjZRy-20x13.jpg 20w\" sizes=\"(max-width: 600px) 100vw, 600px\" \/><\/figure>\n\t\t<div class=\"blog-top\">\n\t\t\t<header class=\"post-title entry-header\">\n\t\t\t\t<aside class=\"post-meta cf\">\n\t\t23\/07\/2022 \/ <a href=\"https:\/\/www.psib-psoe.org\/mallorca\/category\/federacio-de-mallorca\/\" rel=\"category tag\">Federaci\u00f3 de Mallorca<\/a>, <a href=\"https:\/\/www.psib-psoe.org\/mallorca\/category\/federacio-de-mallorca-portada\/\" rel=\"category tag\">Federaci\u00f3 de Mallorca - Portada<\/a><\/aside>\n\t\t\t\t<h3 itemprop=\"headline\"><a href=\"https:\/\/www.psib-psoe.org\/mallorca\/xavi-colom-elegit-com-a-secretari-general-de-les-joventuts-socialistes-des-raiguer\/\" title=\"Xavi Colom, elegit com a secretari general de les Joventuts Socialistes del Raiguer\">Xavi Colom, elegit com a secretari general de les Joventuts Socialistes del Raiguer<\/a><\/h3>\n\t\t\t<\/header>\n\t\t<\/div>\n\t\t<div class=\"post-content\">\n\t\t\t<a href=\"https:\/\/www.psib-psoe.org\/mallorca\/xavi-colom-elegit-com-a-secretari-general-de-les-joventuts-socialistes-des-raiguer\/\" class=\"more-link\">Read More<\/a>\n\t\t<\/div>\n\t\t\t<aside class=\"post-bottom-meta hide\">\n\t\t<strong rel=\"author\" itemprop=\"author\" class=\"author vcard\"><span class=\"fn\">Albert<\/span><\/strong>\n\t\t<time class=\"date published time\" datetime=\"2022-07-23T13:02:46+02:00\" itemprop=\"datePublished\" content=\"2022-07-23T13:02:46+02:00\">23\/07\/2022<\/time>\n\t\t<meta itemprop=\"dateModified\" class=\"date updated\" content=\"2022-07-23T13:11:05+02:00\">\n\t\t<span class=\"hide\" itemprop=\"publisher\" itemscope itemtype=\"https:\/\/schema.org\/Organization\">\n\t\t\t<meta itemprop=\"name\" content=\"SocialistesdMca\">\n\t\t\t<span itemprop=\"logo\" itemscope itemtype=\"https:\/\/schema.org\/ImageObject\">\n\t\t\t\t<meta itemprop=\"url\" content=\"https:\/\/www.psib-psoe.org\/mallorca\/wp-content\/themes\/notio-wp\/assets\/img\/logo.png\">\n\t\t\t<\/span>\n\t\t\t<meta itemprop=\"url\" content=\"https:\/\/www.psib-psoe.org\/mallorca\/\">\n\t\t<\/span>\n\t\t\t\t<span class=\"hide\" itemprop=\"image\" itemscope itemtype=\"http:\/\/schema.org\/ImageObject\">\n\t\t\t<meta itemprop=\"url\" content=\"https:\/\/www.psib-psoe.org\/mallorca\/wp-content\/uploads\/tempImagevCjZRy.jpg\">\n\t\t\t<meta itemprop=\"width\" content=\"4032\">\n\t\t\t<meta itemprop=\"height\" content=\"3024\">\n\t\t<\/span>\n\t\t\t\t<meta itemscope itemprop=\"mainEntityOfPage\" itemtype=\"https:\/\/schema.org\/WebPage\" itemid=\"https:\/\/www.psib-psoe.org\/mallorca\/xavi-colom-elegit-com-a-secretari-general-de-les-joventuts-socialistes-des-raiguer\/\">\n\t<\/aside>\n\t\t<\/article>\n<\/div>\n<div class=\"small-12 large-4 columns\">\n\t<article itemscope itemtype=\"http:\/\/schema.org\/Article\" class=\"post blog-style7 alt post-26941 type-post status-publish format-standard has-post-thumbnail hentry category-federacio-de-mallorca category-portada\" role=\"article\">\n\t\t<figure class=\"post-gallery\"><img loading=\"lazy\" decoding=\"async\" width=\"600\" height=\"400\" src=\"https:\/\/www.psib-psoe.org\/mallorca\/wp-content\/uploads\/Executiva-FSM-600x400.jpeg\" class=\"attachment-notio-general-x2 size-notio-general-x2 wp-post-image\" alt=\"\" srcset=\"https:\/\/www.psib-psoe.org\/mallorca\/wp-content\/uploads\/Executiva-FSM-600x400.jpeg 600w, https:\/\/www.psib-psoe.org\/mallorca\/wp-content\/uploads\/Executiva-FSM-300x200.jpeg 300w, https:\/\/www.psib-psoe.org\/mallorca\/wp-content\/uploads\/Executiva-FSM-900x600.jpeg 900w, https:\/\/www.psib-psoe.org\/mallorca\/wp-content\/uploads\/Executiva-FSM-20x13.jpeg 20w\" sizes=\"(max-width: 600px) 100vw, 600px\" \/><\/figure>\n\t\t<div class=\"blog-top\">\n\t\t\t<header class=\"post-title entry-header\">\n\t\t\t\t<aside class=\"post-meta cf\">\n\t\t20\/07\/2022 \/ <a href=\"https:\/\/www.psib-psoe.org\/mallorca\/category\/federacio-de-mallorca\/\" rel=\"category tag\">Federaci\u00f3 de Mallorca<\/a>, <a href=\"https:\/\/www.psib-psoe.org\/mallorca\/category\/portada\/\" rel=\"category tag\">Portada<\/a><\/aside>\n\t\t\t\t<h3 itemprop=\"headline\"><a href=\"https:\/\/www.psib-psoe.org\/mallorca\/els-socialistes-de-mallorca-posen-en-marxa-tota-la-maquinaria-electoral-per-encarar-les-eleccions-del-2023-amb-forca\/\" title=\"Els Socialistes de Mallorca posen en marxa tota la maquin\u00e0ria electoral per encarar les eleccions del 2023 amb for\u00e7a\">Els Socialistes de Mallorca posen en marxa tota la maquin\u00e0ria electoral per encarar les eleccions del 2023 amb for\u00e7a<\/a><\/h3>\n\t\t\t<\/header>\n\t\t<\/div>\n\t\t<div class=\"post-content\">\n\t\t\t<a href=\"https:\/\/www.psib-psoe.org\/mallorca\/els-socialistes-de-mallorca-posen-en-marxa-tota-la-maquinaria-electoral-per-encarar-les-eleccions-del-2023-amb-forca\/\" class=\"more-link\">Read More<\/a>\n\t\t<\/div>\n\t\t\t<aside class=\"post-bottom-meta hide\">\n\t\t<strong rel=\"author\" itemprop=\"author\" class=\"author vcard\"><span class=\"fn\">Marc<\/span><\/strong>\n\t\t<time class=\"date published time\" datetime=\"2022-07-20T17:46:24+02:00\" itemprop=\"datePublished\" content=\"2022-07-20T17:46:24+02:00\">20\/07\/2022<\/time>\n\t\t<meta itemprop=\"dateModified\" class=\"date updated\" content=\"2022-07-20T17:46:24+02:00\">\n\t\t<span class=\"hide\" itemprop=\"publisher\" itemscope itemtype=\"https:\/\/schema.org\/Organization\">\n\t\t\t<meta itemprop=\"name\" content=\"SocialistesdMca\">\n\t\t\t<span itemprop=\"logo\" itemscope itemtype=\"https:\/\/schema.org\/ImageObject\">\n\t\t\t\t<meta itemprop=\"url\" content=\"https:\/\/www.psib-psoe.org\/mallorca\/wp-content\/themes\/notio-wp\/assets\/img\/logo.png\">\n\t\t\t<\/span>\n\t\t\t<meta itemprop=\"url\" content=\"https:\/\/www.psib-psoe.org\/mallorca\/\">\n\t\t<\/span>\n\t\t\t\t<span class=\"hide\" itemprop=\"image\" itemscope itemtype=\"http:\/\/schema.org\/ImageObject\">\n\t\t\t<meta itemprop=\"url\" content=\"https:\/\/www.psib-psoe.org\/mallorca\/wp-content\/uploads\/Executiva-FSM.jpeg\">\n\t\t\t<meta itemprop=\"width\" content=\"2048\">\n\t\t\t<meta itemprop=\"height\" content=\"1536\">\n\t\t<\/span>\n\t\t\t\t<meta itemscope itemprop=\"mainEntityOfPage\" itemtype=\"https:\/\/schema.org\/WebPage\" itemid=\"https:\/\/www.psib-psoe.org\/mallorca\/els-socialistes-de-mallorca-posen-en-marxa-tota-la-maquinaria-electoral-per-encarar-les-eleccions-del-2023-amb-forca\/\">\n\t<\/aside>\n\t\t<\/article>\n<\/div>\n<div class=\"small-12 large-4 columns\">\n\t<article itemscope itemtype=\"http:\/\/schema.org\/Article\" class=\"post blog-style7 alt post-26935 type-post status-publish format-standard has-post-thumbnail hentry category-federacio-de-mallorca category-federacio-de-mallorca-portada category-portada tag-socialistes-de-soller tag-soller\" role=\"article\">\n\t\t<figure class=\"post-gallery\"><img loading=\"lazy\" decoding=\"async\" width=\"600\" height=\"400\" src=\"https:\/\/www.psib-psoe.org\/mallorca\/wp-content\/uploads\/Socialistes-de-S\u00f3ller-1-600x400.jpg\" class=\"attachment-notio-general-x2 size-notio-general-x2 wp-post-image\" alt=\"\" srcset=\"https:\/\/www.psib-psoe.org\/mallorca\/wp-content\/uploads\/Socialistes-de-S\u00f3ller-1-600x400.jpg 600w, https:\/\/www.psib-psoe.org\/mallorca\/wp-content\/uploads\/Socialistes-de-S\u00f3ller-1-300x200.jpg 300w, https:\/\/www.psib-psoe.org\/mallorca\/wp-content\/uploads\/Socialistes-de-S\u00f3ller-1-900x600.jpg 900w, https:\/\/www.psib-psoe.org\/mallorca\/wp-content\/uploads\/Socialistes-de-S\u00f3ller-1-20x13.jpg 20w\" sizes=\"(max-width: 600px) 100vw, 600px\" \/><\/figure>\n\t\t<div class=\"blog-top\">\n\t\t\t<header class=\"post-title entry-header\">\n\t\t\t\t<aside class=\"post-meta cf\">\n\t\t13\/07\/2022 \/ <a href=\"https:\/\/www.psib-psoe.org\/mallorca\/category\/federacio-de-mallorca\/\" rel=\"category tag\">Federaci\u00f3 de Mallorca<\/a>, <a href=\"https:\/\/www.psib-psoe.org\/mallorca\/category\/federacio-de-mallorca-portada\/\" rel=\"category tag\">Federaci\u00f3 de Mallorca - Portada<\/a>, <a href=\"https:\/\/www.psib-psoe.org\/mallorca\/category\/portada\/\" rel=\"category tag\">Portada<\/a><\/aside>\n\t\t\t\t<h3 itemprop=\"headline\"><a href=\"https:\/\/www.psib-psoe.org\/mallorca\/mocio-soller-equipamets-rebutg\/\" title=\"Els Socialistes de S\u00f3ller lamenten que l\u2019equip de govern rebutgi una proposta per a la millora i el bon manteniment de les infraestructures al municipi\">Els Socialistes de S\u00f3ller lamenten que l\u2019equip de govern rebutgi una proposta per a la millora i el bon manteniment de les infraestructures al municipi<\/a><\/h3>\n\t\t\t<\/header>\n\t\t<\/div>\n\t\t<div class=\"post-content\">\n\t\t\t<a href=\"https:\/\/www.psib-psoe.org\/mallorca\/mocio-soller-equipamets-rebutg\/\" class=\"more-link\">Read More<\/a>\n\t\t<\/div>\n\t\t\t<aside class=\"post-bottom-meta hide\">\n\t\t<strong rel=\"author\" itemprop=\"author\" class=\"author vcard\"><span class=\"fn\">Albert<\/span><\/strong>\n\t\t<time class=\"date published time\" datetime=\"2022-07-13T11:31:51+02:00\" itemprop=\"datePublished\" content=\"2022-07-13T11:31:51+02:00\">13\/07\/2022<\/time>\n\t\t<meta itemprop=\"dateModified\" class=\"date updated\" content=\"2022-07-13T11:31:51+02:00\">\n\t\t<span class=\"hide\" itemprop=\"publisher\" itemscope itemtype=\"https:\/\/schema.org\/Organization\">\n\t\t\t<meta itemprop=\"name\" content=\"SocialistesdMca\">\n\t\t\t<span itemprop=\"logo\" itemscope itemtype=\"https:\/\/schema.org\/ImageObject\">\n\t\t\t\t<meta itemprop=\"url\" content=\"https:\/\/www.psib-psoe.org\/mallorca\/wp-content\/themes\/notio-wp\/assets\/img\/logo.png\">\n\t\t\t<\/span>\n\t\t\t<meta itemprop=\"url\" content=\"https:\/\/www.psib-psoe.org\/mallorca\/\">\n\t\t<\/span>\n\t\t\t\t<span class=\"hide\" itemprop=\"image\" itemscope itemtype=\"http:\/\/schema.org\/ImageObject\">\n\t\t\t<meta itemprop=\"url\" content=\"https:\/\/www.psib-psoe.org\/mallorca\/wp-content\/uploads\/Socialistes-de-S\u00f3ller-1.jpg\">\n\t\t\t<meta itemprop=\"width\" content=\"1000\">\n\t\t\t<meta itemprop=\"height\" content=\"750\">\n\t\t<\/span>\n\t\t\t\t<meta itemscope itemprop=\"mainEntityOfPage\" itemtype=\"https:\/\/schema.org\/WebPage\" itemid=\"https:\/\/www.psib-psoe.org\/mallorca\/mocio-soller-equipamets-rebutg\/\">\n\t<\/aside>\n\t\t<\/article>\n<\/div>\n<div class=\"small-12 large-4 columns\">\n\t<article itemscope itemtype=\"http:\/\/schema.org\/Article\" class=\"post blog-style7 alt post-26931 type-post status-publish format-standard has-post-thumbnail hentry category-federacio-de-mallorca category-federacio-de-mallorca-portada category-portada tag-bonificacions tag-maria-de-la-salut tag-rafel-aulet\" role=\"article\">\n\t\t<figure class=\"post-gallery\"><img loading=\"lazy\" decoding=\"async\" width=\"600\" height=\"400\" src=\"https:\/\/www.psib-psoe.org\/mallorca\/wp-content\/uploads\/Rafel-Aulet-Maria-de-la-Salut-1-600x400.jpeg\" class=\"attachment-notio-general-x2 size-notio-general-x2 wp-post-image\" alt=\"\" srcset=\"https:\/\/www.psib-psoe.org\/mallorca\/wp-content\/uploads\/Rafel-Aulet-Maria-de-la-Salut-1-600x400.jpeg 600w, https:\/\/www.psib-psoe.org\/mallorca\/wp-content\/uploads\/Rafel-Aulet-Maria-de-la-Salut-1-300x200.jpeg 300w, https:\/\/www.psib-psoe.org\/mallorca\/wp-content\/uploads\/Rafel-Aulet-Maria-de-la-Salut-1-768x512.jpeg 768w, https:\/\/www.psib-psoe.org\/mallorca\/wp-content\/uploads\/Rafel-Aulet-Maria-de-la-Salut-1-150x100.jpeg 150w, https:\/\/www.psib-psoe.org\/mallorca\/wp-content\/uploads\/Rafel-Aulet-Maria-de-la-Salut-1-900x600.jpeg 900w, https:\/\/www.psib-psoe.org\/mallorca\/wp-content\/uploads\/Rafel-Aulet-Maria-de-la-Salut-1-20x13.jpeg 20w, https:\/\/www.psib-psoe.org\/mallorca\/wp-content\/uploads\/Rafel-Aulet-Maria-de-la-Salut-1.jpeg 1000w\" sizes=\"(max-width: 600px) 100vw, 600px\" \/><\/figure>\n\t\t<div class=\"blog-top\">\n\t\t\t<header class=\"post-title entry-header\">\n\t\t\t\t<aside class=\"post-meta cf\">\n\t\t12\/07\/2022 \/ <a href=\"https:\/\/www.psib-psoe.org\/mallorca\/category\/federacio-de-mallorca\/\" rel=\"category tag\">Federaci\u00f3 de Mallorca<\/a>, <a href=\"https:\/\/www.psib-psoe.org\/mallorca\/category\/federacio-de-mallorca-portada\/\" rel=\"category tag\">Federaci\u00f3 de Mallorca - Portada<\/a>, <a href=\"https:\/\/www.psib-psoe.org\/mallorca\/category\/portada\/\" rel=\"category tag\">Portada<\/a><\/aside>\n\t\t\t\t<h3 itemprop=\"headline\"><a href=\"https:\/\/www.psib-psoe.org\/mallorca\/mocio-maria-de-la-salut-benefici-families-2023\/\" title=\"Aprovada per unanimitat una iniciativa dels Socialistes de Maria de la Salut que suposar\u00e0 una bonificaci\u00f3 perqu\u00e8 les fam\u00edlies nombroses i monoparentals puguin accedir, entre altres, a l\u2019Escoleta d\u2019Estiu el 2023\">Aprovada per unanimitat una iniciativa dels Socialistes de Maria de la Salut que suposar\u00e0 una bonificaci\u00f3 perqu\u00e8 les fam\u00edlies nombroses i monoparentals puguin accedir, entre altres, a l\u2019Escoleta d\u2019Estiu el 2023<\/a><\/h3>\n\t\t\t<\/header>\n\t\t<\/div>\n\t\t<div class=\"post-content\">\n\t\t\t<a href=\"https:\/\/www.psib-psoe.org\/mallorca\/mocio-maria-de-la-salut-benefici-families-2023\/\" class=\"more-link\">Read More<\/a>\n\t\t<\/div>\n\t\t\t<aside class=\"post-bottom-meta hide\">\n\t\t<strong rel=\"author\" itemprop=\"author\" class=\"author vcard\"><span class=\"fn\">Albert<\/span><\/strong>\n\t\t<time class=\"date published time\" datetime=\"2022-07-12T12:14:20+02:00\" itemprop=\"datePublished\" content=\"2022-07-12T12:14:20+02:00\">12\/07\/2022<\/time>\n\t\t<meta itemprop=\"dateModified\" class=\"date updated\" content=\"2022-07-12T12:23:45+02:00\">\n\t\t<span class=\"hide\" itemprop=\"publisher\" itemscope itemtype=\"https:\/\/schema.org\/Organization\">\n\t\t\t<meta itemprop=\"name\" content=\"SocialistesdMca\">\n\t\t\t<span itemprop=\"logo\" itemscope itemtype=\"https:\/\/schema.org\/ImageObject\">\n\t\t\t\t<meta itemprop=\"url\" content=\"https:\/\/www.psib-psoe.org\/mallorca\/wp-content\/themes\/notio-wp\/assets\/img\/logo.png\">\n\t\t\t<\/span>\n\t\t\t<meta itemprop=\"url\" content=\"https:\/\/www.psib-psoe.org\/mallorca\/\">\n\t\t<\/span>\n\t\t\t\t<span class=\"hide\" itemprop=\"image\" itemscope itemtype=\"http:\/\/schema.org\/ImageObject\">\n\t\t\t<meta itemprop=\"url\" content=\"https:\/\/www.psib-psoe.org\/mallorca\/wp-content\/uploads\/Rafel-Aulet-Maria-de-la-Salut-1.jpeg\">\n\t\t\t<meta itemprop=\"width\" content=\"1000\">\n\t\t\t<meta itemprop=\"height\" content=\"667\">\n\t\t<\/span>\n\t\t\t\t<meta itemscope itemprop=\"mainEntityOfPage\" itemtype=\"https:\/\/schema.org\/WebPage\" itemid=\"https:\/\/www.psib-psoe.org\/mallorca\/mocio-maria-de-la-salut-benefici-families-2023\/\">\n\t<\/aside>\n\t\t<\/article>\n<\/div>\n<div class=\"small-12 large-4 columns\">\n\t<article itemscope itemtype=\"http:\/\/schema.org\/Article\" class=\"post blog-style7 alt post-26928 type-post status-publish format-standard has-post-thumbnail hentry category-federacio-de-mallorca category-portada\" role=\"article\">\n\t\t<figure class=\"post-gallery\"><img loading=\"lazy\" decoding=\"async\" width=\"600\" height=\"400\" src=\"https:\/\/www.psib-psoe.org\/mallorca\/wp-content\/uploads\/Festa-dEstiu-600x400.jpeg\" class=\"attachment-notio-general-x2 size-notio-general-x2 wp-post-image\" alt=\"\" srcset=\"https:\/\/www.psib-psoe.org\/mallorca\/wp-content\/uploads\/Festa-dEstiu-600x400.jpeg 600w, https:\/\/www.psib-psoe.org\/mallorca\/wp-content\/uploads\/Festa-dEstiu-300x200.jpeg 300w, https:\/\/www.psib-psoe.org\/mallorca\/wp-content\/uploads\/Festa-dEstiu-768x512.jpeg 768w, https:\/\/www.psib-psoe.org\/mallorca\/wp-content\/uploads\/Festa-dEstiu-1024x683.jpeg 1024w, https:\/\/www.psib-psoe.org\/mallorca\/wp-content\/uploads\/Festa-dEstiu-150x100.jpeg 150w, https:\/\/www.psib-psoe.org\/mallorca\/wp-content\/uploads\/Festa-dEstiu-900x600.jpeg 900w, https:\/\/www.psib-psoe.org\/mallorca\/wp-content\/uploads\/Festa-dEstiu-20x13.jpeg 20w\" sizes=\"(max-width: 600px) 100vw, 600px\" \/><\/figure>\n\t\t<div class=\"blog-top\">\n\t\t\t<header class=\"post-title entry-header\">\n\t\t\t\t<aside class=\"post-meta cf\">\n\t\t08\/07\/2022 \/ <a href=\"https:\/\/www.psib-psoe.org\/mallorca\/category\/federacio-de-mallorca\/\" rel=\"category tag\">Federaci\u00f3 de Mallorca<\/a>, <a href=\"https:\/\/www.psib-psoe.org\/mallorca\/category\/portada\/\" rel=\"category tag\">Portada<\/a><\/aside>\n\t\t\t\t<h3 itemprop=\"headline\"><a href=\"https:\/\/www.psib-psoe.org\/mallorca\/mes-de-800-socialistes-es-reuneixen-per-celebrar-la-tradicional-festa-destiu-i-comencar-amb-forca-el-curs-politic-per-encarar-les-eleccions-del-2023\/\" title=\"M\u00e9s de 800 socialistes es reuneixen per celebrar la tradicional festa d\u2019estiu i comen\u00e7ar amb for\u00e7a el curs pol\u00edtic per encarar les eleccions del 2023\">M\u00e9s de 800 socialistes es reuneixen per celebrar la tradicional festa d\u2019estiu i comen\u00e7ar amb for\u00e7a el curs pol\u00edtic per encarar les eleccions del 2023<\/a><\/h3>\n\t\t\t<\/header>\n\t\t<\/div>\n\t\t<div class=\"post-content\">\n\t\t\t<a href=\"https:\/\/www.psib-psoe.org\/mallorca\/mes-de-800-socialistes-es-reuneixen-per-celebrar-la-tradicional-festa-destiu-i-comencar-amb-forca-el-curs-politic-per-encarar-les-eleccions-del-2023\/\" class=\"more-link\">Read More<\/a>\n\t\t<\/div>\n\t\t\t<aside class=\"post-bottom-meta hide\">\n\t\t<strong rel=\"author\" itemprop=\"author\" class=\"author vcard\"><span class=\"fn\">Socialistes de Mallorca<\/span><\/strong>\n\t\t<time class=\"date published time\" datetime=\"2022-07-08T23:15:52+02:00\" itemprop=\"datePublished\" content=\"2022-07-08T23:15:52+02:00\">08\/07\/2022<\/time>\n\t\t<meta itemprop=\"dateModified\" class=\"date updated\" content=\"2022-07-08T23:15:52+02:00\">\n\t\t<span class=\"hide\" itemprop=\"publisher\" itemscope itemtype=\"https:\/\/schema.org\/Organization\">\n\t\t\t<meta itemprop=\"name\" content=\"SocialistesdMca\">\n\t\t\t<span itemprop=\"logo\" itemscope itemtype=\"https:\/\/schema.org\/ImageObject\">\n\t\t\t\t<meta itemprop=\"url\" content=\"https:\/\/www.psib-psoe.org\/mallorca\/wp-content\/themes\/notio-wp\/assets\/img\/logo.png\">\n\t\t\t<\/span>\n\t\t\t<meta itemprop=\"url\" content=\"https:\/\/www.psib-psoe.org\/mallorca\/\">\n\t\t<\/span>\n\t\t\t\t<span class=\"hide\" itemprop=\"image\" itemscope itemtype=\"http:\/\/schema.org\/ImageObject\">\n\t\t\t<meta itemprop=\"url\" content=\"https:\/\/www.psib-psoe.org\/mallorca\/wp-content\/uploads\/Festa-dEstiu.jpeg\">\n\t\t\t<meta itemprop=\"width\" content=\"6000\">\n\t\t\t<meta itemprop=\"height\" content=\"4000\">\n\t\t<\/span>\n\t\t\t\t<meta itemscope itemprop=\"mainEntityOfPage\" itemtype=\"https:\/\/schema.org\/WebPage\" itemid=\"https:\/\/www.psib-psoe.org\/mallorca\/mes-de-800-socialistes-es-reuneixen-per-celebrar-la-tradicional-festa-destiu-i-comencar-amb-forca-el-curs-politic-per-encarar-les-eleccions-del-2023\/\">\n\t<\/aside>\n\t\t<\/article>\n<\/div>\n<div class=\"small-12 large-4 columns\">\n\t<article itemscope itemtype=\"http:\/\/schema.org\/Article\" class=\"post blog-style7 alt post-26919 type-post status-publish format-standard has-post-thumbnail hentry category-consell-de-mallorca category-federacio-de-mallorca category-portada\" role=\"article\">\n\t\t<figure class=\"post-gallery\"><img loading=\"lazy\" decoding=\"async\" width=\"600\" height=\"400\" src=\"https:\/\/www.psib-psoe.org\/mallorca\/wp-content\/uploads\/Reuni\u00f3-consellers-a-Raixa-600x400.jpg\" class=\"attachment-notio-general-x2 size-notio-general-x2 wp-post-image\" alt=\"\" srcset=\"https:\/\/www.psib-psoe.org\/mallorca\/wp-content\/uploads\/Reuni\u00f3-consellers-a-Raixa-600x400.jpg 600w, https:\/\/www.psib-psoe.org\/mallorca\/wp-content\/uploads\/Reuni\u00f3-consellers-a-Raixa-300x200.jpg 300w, https:\/\/www.psib-psoe.org\/mallorca\/wp-content\/uploads\/Reuni\u00f3-consellers-a-Raixa-768x512.jpg 768w, https:\/\/www.psib-psoe.org\/mallorca\/wp-content\/uploads\/Reuni\u00f3-consellers-a-Raixa-1024x683.jpg 1024w, https:\/\/www.psib-psoe.org\/mallorca\/wp-content\/uploads\/Reuni\u00f3-consellers-a-Raixa-150x100.jpg 150w, https:\/\/www.psib-psoe.org\/mallorca\/wp-content\/uploads\/Reuni\u00f3-consellers-a-Raixa-900x600.jpg 900w, https:\/\/www.psib-psoe.org\/mallorca\/wp-content\/uploads\/Reuni\u00f3-consellers-a-Raixa-20x13.jpg 20w\" sizes=\"(max-width: 600px) 100vw, 600px\" \/><\/figure>\n\t\t<div class=\"blog-top\">\n\t\t\t<header class=\"post-title entry-header\">\n\t\t\t\t<aside class=\"post-meta cf\">\n\t\t06\/07\/2022 \/ <a href=\"https:\/\/www.psib-psoe.org\/mallorca\/category\/consell-de-mallorca\/\" rel=\"category tag\">Consell de Mallorca<\/a>, <a href=\"https:\/\/www.psib-psoe.org\/mallorca\/category\/federacio-de-mallorca\/\" rel=\"category tag\">Federaci\u00f3 de Mallorca<\/a>, <a href=\"https:\/\/www.psib-psoe.org\/mallorca\/category\/portada\/\" rel=\"category tag\">Portada<\/a><\/aside>\n\t\t\t\t<h3 itemprop=\"headline\"><a href=\"https:\/\/www.psib-psoe.org\/mallorca\/catalina-cladera-seguirem-treballant-per-reforcar-els-serveis-publics-per-avancar-en-drets-i-protegint-el-patrimoni-cultural-i-natural-de-mallorca\/\" title=\"Catalina Cladera: \u201cSeguirem treballant per refor\u00e7ar els serveis p\u00fablics, per avan\u00e7ar en drets i protegint el patrimoni cultural i natural de Mallorca \u201d\">Catalina Cladera: \u201cSeguirem treballant per refor\u00e7ar els serveis p\u00fablics, per avan\u00e7ar en drets i protegint el patrimoni cultural i natural de Mallorca \u201d<\/a><\/h3>\n\t\t\t<\/header>\n\t\t<\/div>\n\t\t<div class=\"post-content\">\n\t\t\t<a href=\"https:\/\/www.psib-psoe.org\/mallorca\/catalina-cladera-seguirem-treballant-per-reforcar-els-serveis-publics-per-avancar-en-drets-i-protegint-el-patrimoni-cultural-i-natural-de-mallorca\/\" class=\"more-link\">Read More<\/a>\n\t\t<\/div>\n\t\t\t<aside class=\"post-bottom-meta hide\">\n\t\t<strong rel=\"author\" itemprop=\"author\" class=\"author vcard\"><span class=\"fn\">Marc<\/span><\/strong>\n\t\t<time class=\"date published time\" datetime=\"2022-07-06T14:42:33+02:00\" itemprop=\"datePublished\" content=\"2022-07-06T14:42:33+02:00\">06\/07\/2022<\/time>\n\t\t<meta itemprop=\"dateModified\" class=\"date updated\" content=\"2022-07-06T15:49:47+02:00\">\n\t\t<span class=\"hide\" itemprop=\"publisher\" itemscope itemtype=\"https:\/\/schema.org\/Organization\">\n\t\t\t<meta itemprop=\"name\" content=\"SocialistesdMca\">\n\t\t\t<span itemprop=\"logo\" itemscope itemtype=\"https:\/\/schema.org\/ImageObject\">\n\t\t\t\t<meta itemprop=\"url\" content=\"https:\/\/www.psib-psoe.org\/mallorca\/wp-content\/themes\/notio-wp\/assets\/img\/logo.png\">\n\t\t\t<\/span>\n\t\t\t<meta itemprop=\"url\" content=\"https:\/\/www.psib-psoe.org\/mallorca\/\">\n\t\t<\/span>\n\t\t\t\t<span class=\"hide\" itemprop=\"image\" itemscope itemtype=\"http:\/\/schema.org\/ImageObject\">\n\t\t\t<meta itemprop=\"url\" content=\"https:\/\/www.psib-psoe.org\/mallorca\/wp-content\/uploads\/Reuni\u00f3-consellers-a-Raixa.jpg\">\n\t\t\t<meta itemprop=\"width\" content=\"5472\">\n\t\t\t<meta itemprop=\"height\" content=\"3648\">\n\t\t<\/span>\n\t\t\t\t<meta itemscope itemprop=\"mainEntityOfPage\" itemtype=\"https:\/\/schema.org\/WebPage\" itemid=\"https:\/\/www.psib-psoe.org\/mallorca\/catalina-cladera-seguirem-treballant-per-reforcar-els-serveis-publics-per-avancar-en-drets-i-protegint-el-patrimoni-cultural-i-natural-de-mallorca\/\">\n\t<\/aside>\n\t\t<\/article>\n<\/div>\n<div class=\"small-12 large-4 columns\">\n\t<article itemscope itemtype=\"http:\/\/schema.org\/Article\" class=\"post blog-style7 alt post-26915 type-post status-publish format-standard has-post-thumbnail hentry category-federacio-de-mallorca category-federacio-de-mallorca-portada tag-consell-de-mallorca tag-escia tag-joan-josep-soler tag-joventuts-socialistes-de-mallorca\" role=\"article\">\n\t\t<figure class=\"post-gallery\"><img loading=\"lazy\" decoding=\"async\" width=\"600\" height=\"400\" src=\"https:\/\/www.psib-psoe.org\/mallorca\/wp-content\/uploads\/FOTO-GRUP-JS-de-LLevant-600x400.jpeg\" class=\"attachment-notio-general-x2 size-notio-general-x2 wp-post-image\" alt=\"\" srcset=\"https:\/\/www.psib-psoe.org\/mallorca\/wp-content\/uploads\/FOTO-GRUP-JS-de-LLevant-600x400.jpeg 600w, https:\/\/www.psib-psoe.org\/mallorca\/wp-content\/uploads\/FOTO-GRUP-JS-de-LLevant-300x200.jpeg 300w, https:\/\/www.psib-psoe.org\/mallorca\/wp-content\/uploads\/FOTO-GRUP-JS-de-LLevant-900x600.jpeg 900w, https:\/\/www.psib-psoe.org\/mallorca\/wp-content\/uploads\/FOTO-GRUP-JS-de-LLevant-20x13.jpeg 20w\" sizes=\"(max-width: 600px) 100vw, 600px\" \/><\/figure>\n\t\t<div class=\"blog-top\">\n\t\t\t<header class=\"post-title entry-header\">\n\t\t\t\t<aside class=\"post-meta cf\">\n\t\t06\/07\/2022 \/ <a href=\"https:\/\/www.psib-psoe.org\/mallorca\/category\/federacio-de-mallorca\/\" rel=\"category tag\">Federaci\u00f3 de Mallorca<\/a>, <a href=\"https:\/\/www.psib-psoe.org\/mallorca\/category\/federacio-de-mallorca-portada\/\" rel=\"category tag\">Federaci\u00f3 de Mallorca - Portada<\/a><\/aside>\n\t\t\t\t<h3 itemprop=\"headline\"><a href=\"https:\/\/www.psib-psoe.org\/mallorca\/joventus-socialistes-llevant\/\" title=\"Joan Josep Soler, elegit com a secretari general de les Joventuts Socialistes de Llevant\">Joan Josep Soler, elegit com a secretari general de les Joventuts Socialistes de Llevant<\/a><\/h3>\n\t\t\t<\/header>\n\t\t<\/div>\n\t\t<div class=\"post-content\">\n\t\t\t<a href=\"https:\/\/www.psib-psoe.org\/mallorca\/joventus-socialistes-llevant\/\" class=\"more-link\">Read More<\/a>\n\t\t<\/div>\n\t\t\t<aside class=\"post-bottom-meta hide\">\n\t\t<strong rel=\"author\" itemprop=\"author\" class=\"author vcard\"><span class=\"fn\">Albert<\/span><\/strong>\n\t\t<time class=\"date published time\" datetime=\"2022-07-06T12:58:51+02:00\" itemprop=\"datePublished\" content=\"2022-07-06T12:58:51+02:00\">06\/07\/2022<\/time>\n\t\t<meta itemprop=\"dateModified\" class=\"date updated\" content=\"2022-07-06T12:58:51+02:00\">\n\t\t<span class=\"hide\" itemprop=\"publisher\" itemscope itemtype=\"https:\/\/schema.org\/Organization\">\n\t\t\t<meta itemprop=\"name\" content=\"SocialistesdMca\">\n\t\t\t<span itemprop=\"logo\" itemscope itemtype=\"https:\/\/schema.org\/ImageObject\">\n\t\t\t\t<meta itemprop=\"url\" content=\"https:\/\/www.psib-psoe.org\/mallorca\/wp-content\/themes\/notio-wp\/assets\/img\/logo.png\">\n\t\t\t<\/span>\n\t\t\t<meta itemprop=\"url\" content=\"https:\/\/www.psib-psoe.org\/mallorca\/\">\n\t\t<\/span>\n\t\t\t\t<span class=\"hide\" itemprop=\"image\" itemscope itemtype=\"http:\/\/schema.org\/ImageObject\">\n\t\t\t<meta itemprop=\"url\" content=\"https:\/\/www.psib-psoe.org\/mallorca\/wp-content\/uploads\/FOTO-GRUP-JS-de-LLevant.jpeg\">\n\t\t\t<meta itemprop=\"width\" content=\"1640\">\n\t\t\t<meta itemprop=\"height\" content=\"924\">\n\t\t<\/span>\n\t\t\t\t<meta itemscope itemprop=\"mainEntityOfPage\" itemtype=\"https:\/\/schema.org\/WebPage\" itemid=\"https:\/\/www.psib-psoe.org\/mallorca\/joventus-socialistes-llevant\/\">\n\t<\/aside>\n\t\t<\/article>\n<\/div>\n<div class=\"small-12 large-4 columns\">\n\t<article itemscope itemtype=\"http:\/\/schema.org\/Article\" class=\"post blog-style7 alt post-26898 type-post status-publish format-standard has-post-thumbnail hentry category-federacio-de-mallorca category-portada tag-agrupacio-socialista-de-llucmajor tag-casa-del-poble tag-cosme-bonet tag-jaume-oliver tag-llucmajor tag-patricia-gomez\" role=\"article\">\n\t\t<figure class=\"post-gallery\"><img loading=\"lazy\" decoding=\"async\" width=\"600\" height=\"400\" src=\"https:\/\/www.psib-psoe.org\/mallorca\/wp-content\/uploads\/220701-Inauguracio\u0301-Seu-Llucmajor-600x400.jpeg\" class=\"attachment-notio-general-x2 size-notio-general-x2 wp-post-image\" alt=\"\" srcset=\"https:\/\/www.psib-psoe.org\/mallorca\/wp-content\/uploads\/220701-Inauguracio\u0301-Seu-Llucmajor-600x400.jpeg 600w, https:\/\/www.psib-psoe.org\/mallorca\/wp-content\/uploads\/220701-Inauguracio\u0301-Seu-Llucmajor-300x200.jpeg 300w, https:\/\/www.psib-psoe.org\/mallorca\/wp-content\/uploads\/220701-Inauguracio\u0301-Seu-Llucmajor-900x600.jpeg 900w, https:\/\/www.psib-psoe.org\/mallorca\/wp-content\/uploads\/220701-Inauguracio\u0301-Seu-Llucmajor-20x13.jpeg 20w\" sizes=\"(max-width: 600px) 100vw, 600px\" \/><\/figure>\n\t\t<div class=\"blog-top\">\n\t\t\t<header class=\"post-title entry-header\">\n\t\t\t\t<aside class=\"post-meta cf\">\n\t\t01\/07\/2022 \/ <a href=\"https:\/\/www.psib-psoe.org\/mallorca\/category\/federacio-de-mallorca\/\" rel=\"category tag\">Federaci\u00f3 de Mallorca<\/a>, <a href=\"https:\/\/www.psib-psoe.org\/mallorca\/category\/portada\/\" rel=\"category tag\">Portada<\/a><\/aside>\n\t\t\t\t<h3 itemprop=\"headline\"><a href=\"https:\/\/www.psib-psoe.org\/mallorca\/lagrupacio-socialista-de-llucmajor-inaugura-la-seva-nova-seu-la-casa-del-poble-situada-al-carrer-fira-numero-20\/\" title=\"L\u2019Agrupaci\u00f3 Socialista de Llucmajor inaugura la seva nova seu \u2018La Casa del Poble\u2019, situada al carrer Fira numero 20\">L\u2019Agrupaci\u00f3 Socialista de Llucmajor inaugura la seva nova seu \u2018La Casa del Poble\u2019, situada al carrer Fira numero 20<\/a><\/h3>\n\t\t\t<\/header>\n\t\t<\/div>\n\t\t<div class=\"post-content\">\n\t\t\t<a href=\"https:\/\/www.psib-psoe.org\/mallorca\/lagrupacio-socialista-de-llucmajor-inaugura-la-seva-nova-seu-la-casa-del-poble-situada-al-carrer-fira-numero-20\/\" class=\"more-link\">Read More<\/a>\n\t\t<\/div>\n\t\t\t<aside class=\"post-bottom-meta hide\">\n\t\t<strong rel=\"author\" itemprop=\"author\" class=\"author vcard\"><span class=\"fn\">Socialistes de Mallorca<\/span><\/strong>\n\t\t<time class=\"date published time\" datetime=\"2022-07-01T13:33:14+02:00\" itemprop=\"datePublished\" content=\"2022-07-01T13:33:14+02:00\">01\/07\/2022<\/time>\n\t\t<meta itemprop=\"dateModified\" class=\"date updated\" content=\"2022-07-01T13:33:14+02:00\">\n\t\t<span class=\"hide\" itemprop=\"publisher\" itemscope itemtype=\"https:\/\/schema.org\/Organization\">\n\t\t\t<meta itemprop=\"name\" content=\"SocialistesdMca\">\n\t\t\t<span itemprop=\"logo\" itemscope itemtype=\"https:\/\/schema.org\/ImageObject\">\n\t\t\t\t<meta itemprop=\"url\" content=\"https:\/\/www.psib-psoe.org\/mallorca\/wp-content\/themes\/notio-wp\/assets\/img\/logo.png\">\n\t\t\t<\/span>\n\t\t\t<meta itemprop=\"url\" content=\"https:\/\/www.psib-psoe.org\/mallorca\/\">\n\t\t<\/span>\n\t\t\t\t<span class=\"hide\" itemprop=\"image\" itemscope itemtype=\"http:\/\/schema.org\/ImageObject\">\n\t\t\t<meta itemprop=\"url\" content=\"https:\/\/www.psib-psoe.org\/mallorca\/wp-content\/uploads\/220701-Inauguracio\u0301-Seu-Llucmajor.jpeg\">\n\t\t\t<meta itemprop=\"width\" content=\"2048\">\n\t\t\t<meta itemprop=\"height\" content=\"1536\">\n\t\t<\/span>\n\t\t\t\t<meta itemscope itemprop=\"mainEntityOfPage\" itemtype=\"https:\/\/schema.org\/WebPage\" itemid=\"https:\/\/www.psib-psoe.org\/mallorca\/lagrupacio-socialista-de-llucmajor-inaugura-la-seva-nova-seu-la-casa-del-poble-situada-al-carrer-fira-numero-20\/\">\n\t<\/aside>\n\t\t<\/article>\n<\/div>\n<div class=\"small-12 large-4 columns\">\n\t<article itemscope itemtype=\"http:\/\/schema.org\/Article\" class=\"post blog-style7 alt post-26892 type-post status-publish format-standard has-post-thumbnail hentry category-federacio-de-mallorca category-municipis category-portada\" role=\"article\">\n\t\t<figure class=\"post-gallery\"><img loading=\"lazy\" decoding=\"async\" width=\"600\" height=\"400\" src=\"https:\/\/www.psib-psoe.org\/mallorca\/wp-content\/uploads\/Ant\u00f2nia-Sastrei-Toni-Bordoy-600x400.jpg\" class=\"attachment-notio-general-x2 size-notio-general-x2 wp-post-image\" alt=\"\" srcset=\"https:\/\/www.psib-psoe.org\/mallorca\/wp-content\/uploads\/Ant\u00f2nia-Sastrei-Toni-Bordoy-600x400.jpg 600w, https:\/\/www.psib-psoe.org\/mallorca\/wp-content\/uploads\/Ant\u00f2nia-Sastrei-Toni-Bordoy-300x200.jpg 300w, https:\/\/www.psib-psoe.org\/mallorca\/wp-content\/uploads\/Ant\u00f2nia-Sastrei-Toni-Bordoy-900x600.jpg 900w, https:\/\/www.psib-psoe.org\/mallorca\/wp-content\/uploads\/Ant\u00f2nia-Sastrei-Toni-Bordoy-20x13.jpg 20w\" sizes=\"(max-width: 600px) 100vw, 600px\" \/><\/figure>\n\t\t<div class=\"blog-top\">\n\t\t\t<header class=\"post-title entry-header\">\n\t\t\t\t<aside class=\"post-meta cf\">\n\t\t20\/06\/2022 \/ <a href=\"https:\/\/www.psib-psoe.org\/mallorca\/category\/federacio-de-mallorca\/\" rel=\"category tag\">Federaci\u00f3 de Mallorca<\/a>, <a href=\"https:\/\/www.psib-psoe.org\/mallorca\/category\/municipis\/\" rel=\"category tag\">Municipis<\/a>, <a href=\"https:\/\/www.psib-psoe.org\/mallorca\/category\/portada\/\" rel=\"category tag\">Portada<\/a><\/aside>\n\t\t\t\t<h3 itemprop=\"headline\"><a href=\"https:\/\/www.psib-psoe.org\/mallorca\/socialistes-dandratx-pacte-de-la-vergonya-pp-el-pi-ciutadans\/\" title=\"Els Socialistes d\u2019Andratx lamenten el \u201cpacte de la vergonya\u201d que el PP, El Pi i Ciutadans han fet p\u00fablic, despr\u00e9s que el El Pi hagi romput el pacte en un acte de deslleialtat\">Els Socialistes d\u2019Andratx lamenten el \u201cpacte de la vergonya\u201d que el PP, El Pi i Ciutadans han fet p\u00fablic, despr\u00e9s que el El Pi hagi romput el pacte en un acte de deslleialtat<\/a><\/h3>\n\t\t\t<\/header>\n\t\t<\/div>\n\t\t<div class=\"post-content\">\n\t\t\t<a href=\"https:\/\/www.psib-psoe.org\/mallorca\/socialistes-dandratx-pacte-de-la-vergonya-pp-el-pi-ciutadans\/\" class=\"more-link\">Read More<\/a>\n\t\t<\/div>\n\t\t\t<aside class=\"post-bottom-meta hide\">\n\t\t<strong rel=\"author\" itemprop=\"author\" class=\"author vcard\"><span class=\"fn\">Marc<\/span><\/strong>\n\t\t<time class=\"date published time\" datetime=\"2022-06-20T14:55:38+02:00\" itemprop=\"datePublished\" content=\"2022-06-20T14:55:38+02:00\">20\/06\/2022<\/time>\n\t\t<meta itemprop=\"dateModified\" class=\"date updated\" content=\"2022-06-20T14:55:38+02:00\">\n\t\t<span class=\"hide\" itemprop=\"publisher\" itemscope itemtype=\"https:\/\/schema.org\/Organization\">\n\t\t\t<meta itemprop=\"name\" content=\"SocialistesdMca\">\n\t\t\t<span itemprop=\"logo\" itemscope itemtype=\"https:\/\/schema.org\/ImageObject\">\n\t\t\t\t<meta itemprop=\"url\" content=\"https:\/\/www.psib-psoe.org\/mallorca\/wp-content\/themes\/notio-wp\/assets\/img\/logo.png\">\n\t\t\t<\/span>\n\t\t\t<meta itemprop=\"url\" content=\"https:\/\/www.psib-psoe.org\/mallorca\/\">\n\t\t<\/span>\n\t\t\t\t<span class=\"hide\" itemprop=\"image\" itemscope itemtype=\"http:\/\/schema.org\/ImageObject\">\n\t\t\t<meta itemprop=\"url\" content=\"https:\/\/www.psib-psoe.org\/mallorca\/wp-content\/uploads\/Ant\u00f2nia-Sastrei-Toni-Bordoy.jpg\">\n\t\t\t<meta itemprop=\"width\" content=\"3823\">\n\t\t\t<meta itemprop=\"height\" content=\"2867\">\n\t\t<\/span>\n\t\t\t\t<meta itemscope itemprop=\"mainEntityOfPage\" itemtype=\"https:\/\/schema.org\/WebPage\" itemid=\"https:\/\/www.psib-psoe.org\/mallorca\/socialistes-dandratx-pacte-de-la-vergonya-pp-el-pi-ciutadans\/\">\n\t<\/aside>\n\t\t<\/article>\n<\/div>\n<div class=\"small-12 large-4 columns\">\n\t<article itemscope itemtype=\"http:\/\/schema.org\/Article\" class=\"post blog-style7 alt post-26889 type-post status-publish format-standard has-post-thumbnail hentry category-federacio-de-mallorca category-municipis category-portada\" role=\"article\">\n\t\t<figure class=\"post-gallery\"><img loading=\"lazy\" decoding=\"async\" width=\"600\" height=\"400\" src=\"https:\/\/www.psib-psoe.org\/mallorca\/wp-content\/uploads\/Felanitx-600x400.jpg\" class=\"attachment-notio-general-x2 size-notio-general-x2 wp-post-image\" alt=\"\" srcset=\"https:\/\/www.psib-psoe.org\/mallorca\/wp-content\/uploads\/Felanitx-600x400.jpg 600w, https:\/\/www.psib-psoe.org\/mallorca\/wp-content\/uploads\/Felanitx-300x200.jpg 300w, https:\/\/www.psib-psoe.org\/mallorca\/wp-content\/uploads\/Felanitx-900x600.jpg 900w, https:\/\/www.psib-psoe.org\/mallorca\/wp-content\/uploads\/Felanitx-20x13.jpg 20w\" sizes=\"(max-width: 600px) 100vw, 600px\" \/><\/figure>\n\t\t<div class=\"blog-top\">\n\t\t\t<header class=\"post-title entry-header\">\n\t\t\t\t<aside class=\"post-meta cf\">\n\t\t19\/06\/2022 \/ <a href=\"https:\/\/www.psib-psoe.org\/mallorca\/category\/federacio-de-mallorca\/\" rel=\"category tag\">Federaci\u00f3 de Mallorca<\/a>, <a href=\"https:\/\/www.psib-psoe.org\/mallorca\/category\/municipis\/\" rel=\"category tag\">Municipis<\/a>, <a href=\"https:\/\/www.psib-psoe.org\/mallorca\/category\/portada\/\" rel=\"category tag\">Portada<\/a><\/aside>\n\t\t\t\t<h3 itemprop=\"headline\"><a href=\"https:\/\/www.psib-psoe.org\/mallorca\/catalina-cladera-la-forca-que-ens-dona-la-historia-ha-de-fer-que-els-socialistes-siguem-el-bastio-per-aturar-la-dreta-i-la-ultradreta\/\" title=\"Catalina Cladera: \u201cLa for\u00e7a que ens dona la hist\u00f2ria ha de fer que els socialistes siguem el basti\u00f3 per aturar la dreta i la ultradreta\u201d\">Catalina Cladera: \u201cLa for\u00e7a que ens dona la hist\u00f2ria ha de fer que els socialistes siguem el basti\u00f3 per aturar la dreta i la ultradreta\u201d<\/a><\/h3>\n\t\t\t<\/header>\n\t\t<\/div>\n\t\t<div class=\"post-content\">\n\t\t\t<a href=\"https:\/\/www.psib-psoe.org\/mallorca\/catalina-cladera-la-forca-que-ens-dona-la-historia-ha-de-fer-que-els-socialistes-siguem-el-bastio-per-aturar-la-dreta-i-la-ultradreta\/\" class=\"more-link\">Read More<\/a>\n\t\t<\/div>\n\t\t\t<aside class=\"post-bottom-meta hide\">\n\t\t<strong rel=\"author\" itemprop=\"author\" class=\"author vcard\"><span class=\"fn\">Marc<\/span><\/strong>\n\t\t<time class=\"date published time\" datetime=\"2022-06-19T09:58:08+02:00\" itemprop=\"datePublished\" content=\"2022-06-19T09:58:08+02:00\">19\/06\/2022<\/time>\n\t\t<meta itemprop=\"dateModified\" class=\"date updated\" content=\"2022-06-19T09:58:08+02:00\">\n\t\t<span class=\"hide\" itemprop=\"publisher\" itemscope itemtype=\"https:\/\/schema.org\/Organization\">\n\t\t\t<meta itemprop=\"name\" content=\"SocialistesdMca\">\n\t\t\t<span itemprop=\"logo\" itemscope itemtype=\"https:\/\/schema.org\/ImageObject\">\n\t\t\t\t<meta itemprop=\"url\" content=\"https:\/\/www.psib-psoe.org\/mallorca\/wp-content\/themes\/notio-wp\/assets\/img\/logo.png\">\n\t\t\t<\/span>\n\t\t\t<meta itemprop=\"url\" content=\"https:\/\/www.psib-psoe.org\/mallorca\/\">\n\t\t<\/span>\n\t\t\t\t<span class=\"hide\" itemprop=\"image\" itemscope itemtype=\"http:\/\/schema.org\/ImageObject\">\n\t\t\t<meta itemprop=\"url\" content=\"https:\/\/www.psib-psoe.org\/mallorca\/wp-content\/uploads\/Felanitx.jpg\">\n\t\t\t<meta itemprop=\"width\" content=\"4032\">\n\t\t\t<meta itemprop=\"height\" content=\"3024\">\n\t\t<\/span>\n\t\t\t\t<meta itemscope itemprop=\"mainEntityOfPage\" itemtype=\"https:\/\/schema.org\/WebPage\" itemid=\"https:\/\/www.psib-psoe.org\/mallorca\/catalina-cladera-la-forca-que-ens-dona-la-historia-ha-de-fer-que-els-socialistes-siguem-el-bastio-per-aturar-la-dreta-i-la-ultradreta\/\">\n\t<\/aside>\n\t\t<\/article>\n<\/div>\n<div class=\"small-12 large-4 columns\">\n\t<article itemscope itemtype=\"http:\/\/schema.org\/Article\" class=\"post blog-style7 alt post-26869 type-post status-publish format-standard has-post-thumbnail hentry category-federacio-de-mallorca category-municipis category-portada\" role=\"article\">\n\t\t<figure class=\"post-gallery\"><img loading=\"lazy\" decoding=\"async\" width=\"600\" height=\"400\" src=\"https:\/\/www.psib-psoe.org\/mallorca\/wp-content\/uploads\/Festa-de-la-Rosa-600x400.jpg\" class=\"attachment-notio-general-x2 size-notio-general-x2 wp-post-image\" alt=\"\" srcset=\"https:\/\/www.psib-psoe.org\/mallorca\/wp-content\/uploads\/Festa-de-la-Rosa-600x400.jpg 600w, https:\/\/www.psib-psoe.org\/mallorca\/wp-content\/uploads\/Festa-de-la-Rosa-300x200.jpg 300w, https:\/\/www.psib-psoe.org\/mallorca\/wp-content\/uploads\/Festa-de-la-Rosa-900x600.jpg 900w, https:\/\/www.psib-psoe.org\/mallorca\/wp-content\/uploads\/Festa-de-la-Rosa-20x13.jpg 20w\" sizes=\"(max-width: 600px) 100vw, 600px\" \/><\/figure>\n\t\t<div class=\"blog-top\">\n\t\t\t<header class=\"post-title entry-header\">\n\t\t\t\t<aside class=\"post-meta cf\">\n\t\t05\/06\/2022 \/ <a href=\"https:\/\/www.psib-psoe.org\/mallorca\/category\/federacio-de-mallorca\/\" rel=\"category tag\">Federaci\u00f3 de Mallorca<\/a>, <a href=\"https:\/\/www.psib-psoe.org\/mallorca\/category\/municipis\/\" rel=\"category tag\">Municipis<\/a>, <a href=\"https:\/\/www.psib-psoe.org\/mallorca\/category\/portada\/\" rel=\"category tag\">Portada<\/a><\/aside>\n\t\t\t\t<h3 itemprop=\"headline\"><a href=\"https:\/\/www.psib-psoe.org\/mallorca\/socialistes-calvia-festa-de-la-rosa\/\" title=\"Els Socialistes de Calvi\u00e0 celebren la Festa de la Rosa, amb m\u00e9s de 300 persones, per renovar la il\u00b7lusi\u00f3 de continuar transformant Calvi\u00e0, Mallorca i Balears cap a millor\">Els Socialistes de Calvi\u00e0 celebren la Festa de la Rosa, amb m\u00e9s de 300 persones, per renovar la il\u00b7lusi\u00f3 de continuar transformant Calvi\u00e0, Mallorca i Balears cap a millor<\/a><\/h3>\n\t\t\t<\/header>\n\t\t<\/div>\n\t\t<div class=\"post-content\">\n\t\t\t<a href=\"https:\/\/www.psib-psoe.org\/mallorca\/socialistes-calvia-festa-de-la-rosa\/\" class=\"more-link\">Read More<\/a>\n\t\t<\/div>\n\t\t\t<aside class=\"post-bottom-meta hide\">\n\t\t<strong rel=\"author\" itemprop=\"author\" class=\"author vcard\"><span class=\"fn\">Marc<\/span><\/strong>\n\t\t<time class=\"date published time\" datetime=\"2022-06-05T10:30:36+02:00\" itemprop=\"datePublished\" content=\"2022-06-05T10:30:36+02:00\">05\/06\/2022<\/time>\n\t\t<meta itemprop=\"dateModified\" class=\"date updated\" content=\"2022-06-05T10:35:45+02:00\">\n\t\t<span class=\"hide\" itemprop=\"publisher\" itemscope itemtype=\"https:\/\/schema.org\/Organization\">\n\t\t\t<meta itemprop=\"name\" content=\"SocialistesdMca\">\n\t\t\t<span itemprop=\"logo\" itemscope itemtype=\"https:\/\/schema.org\/ImageObject\">\n\t\t\t\t<meta itemprop=\"url\" content=\"https:\/\/www.psib-psoe.org\/mallorca\/wp-content\/themes\/notio-wp\/assets\/img\/logo.png\">\n\t\t\t<\/span>\n\t\t\t<meta itemprop=\"url\" content=\"https:\/\/www.psib-psoe.org\/mallorca\/\">\n\t\t<\/span>\n\t\t\t\t<span class=\"hide\" itemprop=\"image\" itemscope itemtype=\"http:\/\/schema.org\/ImageObject\">\n\t\t\t<meta itemprop=\"url\" content=\"https:\/\/www.psib-psoe.org\/mallorca\/wp-content\/uploads\/Festa-de-la-Rosa.jpg\">\n\t\t\t<meta itemprop=\"width\" content=\"4032\">\n\t\t\t<meta itemprop=\"height\" content=\"3024\">\n\t\t<\/span>\n\t\t\t\t<meta itemscope itemprop=\"mainEntityOfPage\" itemtype=\"https:\/\/schema.org\/WebPage\" itemid=\"https:\/\/www.psib-psoe.org\/mallorca\/socialistes-calvia-festa-de-la-rosa\/\">\n\t<\/aside>\n\t\t<\/article>\n<\/div>\n<div class=\"small-12 large-4 columns\">\n\t<article itemscope itemtype=\"http:\/\/schema.org\/Article\" class=\"post blog-style7 alt post-26860 type-post status-publish format-standard has-post-thumbnail hentry category-federacio-de-mallorca tag-federacio-socialista-de-mallorca\" role=\"article\">\n\t\t<figure class=\"post-gallery\"><img loading=\"lazy\" decoding=\"async\" width=\"600\" height=\"400\" src=\"https:\/\/www.psib-psoe.org\/mallorca\/wp-content\/uploads\/IMG_4339-scaled-600x400.jpg\" class=\"attachment-notio-general-x2 size-notio-general-x2 wp-post-image\" alt=\"\" srcset=\"https:\/\/www.psib-psoe.org\/mallorca\/wp-content\/uploads\/IMG_4339-scaled-600x400.jpg 600w, https:\/\/www.psib-psoe.org\/mallorca\/wp-content\/uploads\/IMG_4339-scaled-300x200.jpg 300w, https:\/\/www.psib-psoe.org\/mallorca\/wp-content\/uploads\/IMG_4339-scaled-900x600.jpg 900w, https:\/\/www.psib-psoe.org\/mallorca\/wp-content\/uploads\/IMG_4339-scaled-20x13.jpg 20w\" sizes=\"(max-width: 600px) 100vw, 600px\" \/><\/figure>\n\t\t<div class=\"blog-top\">\n\t\t\t<header class=\"post-title entry-header\">\n\t\t\t\t<aside class=\"post-meta cf\">\n\t\t03\/06\/2022 \/ <a href=\"https:\/\/www.psib-psoe.org\/mallorca\/category\/federacio-de-mallorca\/\" rel=\"category tag\">Federaci\u00f3 de Mallorca<\/a><\/aside>\n\t\t\t\t<h3 itemprop=\"headline\"><a href=\"https:\/\/www.psib-psoe.org\/mallorca\/catalina-cladera-han-estat-2-anys-molt-complicats-pero-el-partit-i-les-institucions-hem-sabut-estar-a-lalcada-i-per-aixo-ara-estam-en-plena-recuperacio\/\" title=\"Catalina Cladera: \u201cHan estat 2 anys molt complicats, per\u00f2 el partit i les institucions hem sabut estar a l\u2019al\u00e7ada i per aix\u00f2 ara estam en plena recuperaci\u00f3\u201d\">Catalina Cladera: \u201cHan estat 2 anys molt complicats, per\u00f2 el partit i les institucions hem sabut estar a l\u2019al\u00e7ada i per aix\u00f2 ara estam en plena recuperaci\u00f3\u201d<\/a><\/h3>\n\t\t\t<\/header>\n\t\t<\/div>\n\t\t<div class=\"post-content\">\n\t\t\t<a href=\"https:\/\/www.psib-psoe.org\/mallorca\/catalina-cladera-han-estat-2-anys-molt-complicats-pero-el-partit-i-les-institucions-hem-sabut-estar-a-lalcada-i-per-aixo-ara-estam-en-plena-recuperacio\/\" class=\"more-link\">Read More<\/a>\n\t\t<\/div>\n\t\t\t<aside class=\"post-bottom-meta hide\">\n\t\t<strong rel=\"author\" itemprop=\"author\" class=\"author vcard\"><span class=\"fn\">adminpsib<\/span><\/strong>\n\t\t<time class=\"date published time\" datetime=\"2022-06-03T13:20:05+02:00\" itemprop=\"datePublished\" content=\"2022-06-03T13:20:05+02:00\">03\/06\/2022<\/time>\n\t\t<meta itemprop=\"dateModified\" class=\"date updated\" content=\"2022-06-03T11:47:55+02:00\">\n\t\t<span class=\"hide\" itemprop=\"publisher\" itemscope itemtype=\"https:\/\/schema.org\/Organization\">\n\t\t\t<meta itemprop=\"name\" content=\"SocialistesdMca\">\n\t\t\t<span itemprop=\"logo\" itemscope itemtype=\"https:\/\/schema.org\/ImageObject\">\n\t\t\t\t<meta itemprop=\"url\" content=\"https:\/\/www.psib-psoe.org\/mallorca\/wp-content\/themes\/notio-wp\/assets\/img\/logo.png\">\n\t\t\t<\/span>\n\t\t\t<meta itemprop=\"url\" content=\"https:\/\/www.psib-psoe.org\/mallorca\/\">\n\t\t<\/span>\n\t\t\t\t<span class=\"hide\" itemprop=\"image\" itemscope itemtype=\"http:\/\/schema.org\/ImageObject\">\n\t\t\t<meta itemprop=\"url\" content=\"https:\/\/www.psib-psoe.org\/mallorca\/wp-content\/uploads\/IMG_4339-scaled.jpg\">\n\t\t\t<meta itemprop=\"width\" content=\"2560\">\n\t\t\t<meta itemprop=\"height\" content=\"1920\">\n\t\t<\/span>\n\t\t\t\t<meta itemscope itemprop=\"mainEntityOfPage\" itemtype=\"https:\/\/schema.org\/WebPage\" itemid=\"https:\/\/www.psib-psoe.org\/mallorca\/catalina-cladera-han-estat-2-anys-molt-complicats-pero-el-partit-i-les-institucions-hem-sabut-estar-a-lalcada-i-per-aixo-ara-estam-en-plena-recuperacio\/\">\n\t<\/aside>\n\t\t<\/article>\n<\/div>\n<div class=\"small-12 large-4 columns\">\n\t<article itemscope itemtype=\"http:\/\/schema.org\/Article\" class=\"post blog-style7 alt post-26845 type-post status-publish format-standard has-post-thumbnail hentry category-federacio-de-mallorca category-portada tag-espai-sense-fum tag-felanitx tag-mocio tag-platges tag-platges-sense-fum tag-psib-psoe tag-socialistes-de-felanitx tag-xisco-duarte\" role=\"article\">\n\t\t<figure class=\"post-gallery\"><img loading=\"lazy\" decoding=\"async\" width=\"600\" height=\"400\" src=\"https:\/\/www.psib-psoe.org\/mallorca\/wp-content\/uploads\/220531-Mocio\u0301-Platges-Sense-Fum-Felanitx-600x400.jpeg\" class=\"attachment-notio-general-x2 size-notio-general-x2 wp-post-image\" alt=\"\" srcset=\"https:\/\/www.psib-psoe.org\/mallorca\/wp-content\/uploads\/220531-Mocio\u0301-Platges-Sense-Fum-Felanitx-600x400.jpeg 600w, https:\/\/www.psib-psoe.org\/mallorca\/wp-content\/uploads\/220531-Mocio\u0301-Platges-Sense-Fum-Felanitx-300x200.jpeg 300w, https:\/\/www.psib-psoe.org\/mallorca\/wp-content\/uploads\/220531-Mocio\u0301-Platges-Sense-Fum-Felanitx-900x600.jpeg 900w, https:\/\/www.psib-psoe.org\/mallorca\/wp-content\/uploads\/220531-Mocio\u0301-Platges-Sense-Fum-Felanitx-20x13.jpeg 20w\" sizes=\"(max-width: 600px) 100vw, 600px\" \/><\/figure>\n\t\t<div class=\"blog-top\">\n\t\t\t<header class=\"post-title entry-header\">\n\t\t\t\t<aside class=\"post-meta cf\">\n\t\t31\/05\/2022 \/ <a href=\"https:\/\/www.psib-psoe.org\/mallorca\/category\/federacio-de-mallorca\/\" rel=\"category tag\">Federaci\u00f3 de Mallorca<\/a>, <a href=\"https:\/\/www.psib-psoe.org\/mallorca\/category\/portada\/\" rel=\"category tag\">Portada<\/a><\/aside>\n\t\t\t\t<h3 itemprop=\"headline\"><a href=\"https:\/\/www.psib-psoe.org\/mallorca\/els-socialistes-de-felanitx-coincidint-amb-el-31-de-maig-dia-mundial-sense-tabac-presenten-una-iniciativa-perque-les-platges-felanitxeres-siguin-espais-sense-fum\/\" title=\"Els socialistes de Felanitx, coincidint amb el 31 de maig, Dia Mundial Sense Tabac, presenten una iniciativa perqu\u00e8 les platges felanitxeres siguin espais sense fum\">Els socialistes de Felanitx, coincidint amb el 31 de maig, Dia Mundial Sense Tabac, presenten una iniciativa perqu\u00e8 les platges felanitxeres siguin espais sense fum<\/a><\/h3>\n\t\t\t<\/header>\n\t\t<\/div>\n\t\t<div class=\"post-content\">\n\t\t\t<a href=\"https:\/\/www.psib-psoe.org\/mallorca\/els-socialistes-de-felanitx-coincidint-amb-el-31-de-maig-dia-mundial-sense-tabac-presenten-una-iniciativa-perque-les-platges-felanitxeres-siguin-espais-sense-fum\/\" class=\"more-link\">Read More<\/a>\n\t\t<\/div>\n\t\t\t<aside class=\"post-bottom-meta hide\">\n\t\t<strong rel=\"author\" itemprop=\"author\" class=\"author vcard\"><span class=\"fn\">Socialistes de Mallorca<\/span><\/strong>\n\t\t<time class=\"date published time\" datetime=\"2022-05-31T14:03:27+02:00\" itemprop=\"datePublished\" content=\"2022-05-31T14:03:27+02:00\">31\/05\/2022<\/time>\n\t\t<meta itemprop=\"dateModified\" class=\"date updated\" content=\"2022-05-31T14:03:27+02:00\">\n\t\t<span class=\"hide\" itemprop=\"publisher\" itemscope itemtype=\"https:\/\/schema.org\/Organization\">\n\t\t\t<meta itemprop=\"name\" content=\"SocialistesdMca\">\n\t\t\t<span itemprop=\"logo\" itemscope itemtype=\"https:\/\/schema.org\/ImageObject\">\n\t\t\t\t<meta itemprop=\"url\" content=\"https:\/\/www.psib-psoe.org\/mallorca\/wp-content\/themes\/notio-wp\/assets\/img\/logo.png\">\n\t\t\t<\/span>\n\t\t\t<meta itemprop=\"url\" content=\"https:\/\/www.psib-psoe.org\/mallorca\/\">\n\t\t<\/span>\n\t\t\t\t<span class=\"hide\" itemprop=\"image\" itemscope itemtype=\"http:\/\/schema.org\/ImageObject\">\n\t\t\t<meta itemprop=\"url\" content=\"https:\/\/www.psib-psoe.org\/mallorca\/wp-content\/uploads\/220531-Mocio\u0301-Platges-Sense-Fum-Felanitx.jpeg\">\n\t\t\t<meta itemprop=\"width\" content=\"1024\">\n\t\t\t<meta itemprop=\"height\" content=\"767\">\n\t\t<\/span>\n\t\t\t\t<meta itemscope itemprop=\"mainEntityOfPage\" itemtype=\"https:\/\/schema.org\/WebPage\" itemid=\"https:\/\/www.psib-psoe.org\/mallorca\/els-socialistes-de-felanitx-coincidint-amb-el-31-de-maig-dia-mundial-sense-tabac-presenten-una-iniciativa-perque-les-platges-felanitxeres-siguin-espais-sense-fum\/\">\n\t<\/aside>\n\t\t<\/article>\n<\/div>\n<div class=\"small-12 large-4 columns\">\n\t<article itemscope itemtype=\"http:\/\/schema.org\/Article\" class=\"post blog-style7 alt post-26841 type-post status-publish format-standard has-post-thumbnail hentry category-federacio-de-mallorca category-municipis category-portada\" role=\"article\">\n\t\t<figure class=\"post-gallery\"><img loading=\"lazy\" decoding=\"async\" width=\"600\" height=\"400\" src=\"https:\/\/www.psib-psoe.org\/mallorca\/wp-content\/uploads\/Un-any-de-batlia-a-Andratx-600x400.jpg\" class=\"attachment-notio-general-x2 size-notio-general-x2 wp-post-image\" alt=\"\" srcset=\"https:\/\/www.psib-psoe.org\/mallorca\/wp-content\/uploads\/Un-any-de-batlia-a-Andratx-600x400.jpg 600w, https:\/\/www.psib-psoe.org\/mallorca\/wp-content\/uploads\/Un-any-de-batlia-a-Andratx-300x200.jpg 300w, https:\/\/www.psib-psoe.org\/mallorca\/wp-content\/uploads\/Un-any-de-batlia-a-Andratx-900x600.jpg 900w, https:\/\/www.psib-psoe.org\/mallorca\/wp-content\/uploads\/Un-any-de-batlia-a-Andratx-20x13.jpg 20w\" sizes=\"(max-width: 600px) 100vw, 600px\" \/><\/figure>\n\t\t<div class=\"blog-top\">\n\t\t\t<header class=\"post-title entry-header\">\n\t\t\t\t<aside class=\"post-meta cf\">\n\t\t29\/05\/2022 \/ <a href=\"https:\/\/www.psib-psoe.org\/mallorca\/category\/federacio-de-mallorca\/\" rel=\"category tag\">Federaci\u00f3 de Mallorca<\/a>, <a href=\"https:\/\/www.psib-psoe.org\/mallorca\/category\/municipis\/\" rel=\"category tag\">Municipis<\/a>, <a href=\"https:\/\/www.psib-psoe.org\/mallorca\/category\/portada\/\" rel=\"category tag\">Portada<\/a><\/aside>\n\t\t\t\t<h3 itemprop=\"headline\"><a href=\"https:\/\/www.psib-psoe.org\/mallorca\/catalina-cladera-els-socialistes-hem-de-continua-governant-perque-no-permetrem-que-la-dreta-arribi-a-les-institucions-per-destruir-tot-el-que-hem-aconseguit\/\" title=\"Catalina Cladera: \u201cEls socialistes hem de continua governant perqu\u00e8 no permetrem que la dreta arribi a les institucions per destruir tot el que hem aconseguit\u201d\">Catalina Cladera: \u201cEls socialistes hem de continua governant perqu\u00e8 no permetrem que la dreta arribi a les institucions per destruir tot el que hem aconseguit\u201d<\/a><\/h3>\n\t\t\t<\/header>\n\t\t<\/div>\n\t\t<div class=\"post-content\">\n\t\t\t<a href=\"https:\/\/www.psib-psoe.org\/mallorca\/catalina-cladera-els-socialistes-hem-de-continua-governant-perque-no-permetrem-que-la-dreta-arribi-a-les-institucions-per-destruir-tot-el-que-hem-aconseguit\/\" class=\"more-link\">Read More<\/a>\n\t\t<\/div>\n\t\t\t<aside class=\"post-bottom-meta hide\">\n\t\t<strong rel=\"author\" itemprop=\"author\" class=\"author vcard\"><span class=\"fn\">Marc<\/span><\/strong>\n\t\t<time class=\"date published time\" datetime=\"2022-05-29T16:33:43+02:00\" itemprop=\"datePublished\" content=\"2022-05-29T16:33:43+02:00\">29\/05\/2022<\/time>\n\t\t<meta itemprop=\"dateModified\" class=\"date updated\" content=\"2022-05-29T16:33:43+02:00\">\n\t\t<span class=\"hide\" itemprop=\"publisher\" itemscope itemtype=\"https:\/\/schema.org\/Organization\">\n\t\t\t<meta itemprop=\"name\" content=\"SocialistesdMca\">\n\t\t\t<span itemprop=\"logo\" itemscope itemtype=\"https:\/\/schema.org\/ImageObject\">\n\t\t\t\t<meta itemprop=\"url\" content=\"https:\/\/www.psib-psoe.org\/mallorca\/wp-content\/themes\/notio-wp\/assets\/img\/logo.png\">\n\t\t\t<\/span>\n\t\t\t<meta itemprop=\"url\" content=\"https:\/\/www.psib-psoe.org\/mallorca\/\">\n\t\t<\/span>\n\t\t\t\t<span class=\"hide\" itemprop=\"image\" itemscope itemtype=\"http:\/\/schema.org\/ImageObject\">\n\t\t\t<meta itemprop=\"url\" content=\"https:\/\/www.psib-psoe.org\/mallorca\/wp-content\/uploads\/Un-any-de-batlia-a-Andratx.jpg\">\n\t\t\t<meta itemprop=\"width\" content=\"1600\">\n\t\t\t<meta itemprop=\"height\" content=\"1200\">\n\t\t<\/span>\n\t\t\t\t<meta itemscope itemprop=\"mainEntityOfPage\" itemtype=\"https:\/\/schema.org\/WebPage\" itemid=\"https:\/\/www.psib-psoe.org\/mallorca\/catalina-cladera-els-socialistes-hem-de-continua-governant-perque-no-permetrem-que-la-dreta-arribi-a-les-institucions-per-destruir-tot-el-que-hem-aconseguit\/\">\n\t<\/aside>\n\t\t<\/article>\n<\/div>\n<div class=\"small-12 large-4 columns\">\n\t<article itemscope itemtype=\"http:\/\/schema.org\/Article\" class=\"post blog-style7 alt post-26823 type-post status-publish format-standard has-post-thumbnail hentry category-federacio-de-mallorca category-federacio-de-mallorca-portada category-portada tag-catalina-cladera tag-consell-politic tag-federacio-socialista-de-mallorca tag-fsm tag-psib-psoe tag-xesc-miralles\" role=\"article\">\n\t\t<figure class=\"post-gallery\"><img loading=\"lazy\" decoding=\"async\" width=\"600\" height=\"400\" src=\"https:\/\/www.psib-psoe.org\/mallorca\/wp-content\/uploads\/20220514_CONSELL-POLI\u0301TIC-FSM-2-600x400.jpg\" class=\"attachment-notio-general-x2 size-notio-general-x2 wp-post-image\" alt=\"\" srcset=\"https:\/\/www.psib-psoe.org\/mallorca\/wp-content\/uploads\/20220514_CONSELL-POLI\u0301TIC-FSM-2-600x400.jpg 600w, https:\/\/www.psib-psoe.org\/mallorca\/wp-content\/uploads\/20220514_CONSELL-POLI\u0301TIC-FSM-2-300x200.jpg 300w, https:\/\/www.psib-psoe.org\/mallorca\/wp-content\/uploads\/20220514_CONSELL-POLI\u0301TIC-FSM-2-768x512.jpg 768w, https:\/\/www.psib-psoe.org\/mallorca\/wp-content\/uploads\/20220514_CONSELL-POLI\u0301TIC-FSM-2-1024x683.jpg 1024w, https:\/\/www.psib-psoe.org\/mallorca\/wp-content\/uploads\/20220514_CONSELL-POLI\u0301TIC-FSM-2-150x100.jpg 150w, https:\/\/www.psib-psoe.org\/mallorca\/wp-content\/uploads\/20220514_CONSELL-POLI\u0301TIC-FSM-2-900x600.jpg 900w, https:\/\/www.psib-psoe.org\/mallorca\/wp-content\/uploads\/20220514_CONSELL-POLI\u0301TIC-FSM-2-20x13.jpg 20w\" sizes=\"(max-width: 600px) 100vw, 600px\" \/><\/figure>\n\t\t<div class=\"blog-top\">\n\t\t\t<header class=\"post-title entry-header\">\n\t\t\t\t<aside class=\"post-meta cf\">\n\t\t14\/05\/2022 \/ <a href=\"https:\/\/www.psib-psoe.org\/mallorca\/category\/federacio-de-mallorca\/\" rel=\"category tag\">Federaci\u00f3 de Mallorca<\/a>, <a href=\"https:\/\/www.psib-psoe.org\/mallorca\/category\/federacio-de-mallorca-portada\/\" rel=\"category tag\">Federaci\u00f3 de Mallorca - Portada<\/a>, <a href=\"https:\/\/www.psib-psoe.org\/mallorca\/category\/portada\/\" rel=\"category tag\">Portada<\/a><\/aside>\n\t\t\t\t<h3 itemprop=\"headline\"><a href=\"https:\/\/www.psib-psoe.org\/mallorca\/catalina-cladera-a-les-eleccions-de-2023-complirem-el-nostre-objectiu-guanyar-les-eleccions-i-ampliar-forces-per-tots-els-territoris-de-mallorca\/\" title=\"Catalina Cladera: \u201cA les eleccions de 2023 complirem el nostre objectiu, guanyar les eleccions i ampliar forces per tots els territoris de Mallorca\u201d\">Catalina Cladera: \u201cA les eleccions de 2023 complirem el nostre objectiu, guanyar les eleccions i ampliar forces per tots els territoris de Mallorca\u201d<\/a><\/h3>\n\t\t\t<\/header>\n\t\t<\/div>\n\t\t<div class=\"post-content\">\n\t\t\t<a href=\"https:\/\/www.psib-psoe.org\/mallorca\/catalina-cladera-a-les-eleccions-de-2023-complirem-el-nostre-objectiu-guanyar-les-eleccions-i-ampliar-forces-per-tots-els-territoris-de-mallorca\/\" class=\"more-link\">Read More<\/a>\n\t\t<\/div>\n\t\t\t<aside class=\"post-bottom-meta hide\">\n\t\t<strong rel=\"author\" itemprop=\"author\" class=\"author vcard\"><span class=\"fn\">Socialistes de Mallorca<\/span><\/strong>\n\t\t<time class=\"date published time\" datetime=\"2022-05-14T12:29:36+02:00\" itemprop=\"datePublished\" content=\"2022-05-14T12:29:36+02:00\">14\/05\/2022<\/time>\n\t\t<meta itemprop=\"dateModified\" class=\"date updated\" content=\"2022-05-14T12:29:36+02:00\">\n\t\t<span class=\"hide\" itemprop=\"publisher\" itemscope itemtype=\"https:\/\/schema.org\/Organization\">\n\t\t\t<meta itemprop=\"name\" content=\"SocialistesdMca\">\n\t\t\t<span itemprop=\"logo\" itemscope itemtype=\"https:\/\/schema.org\/ImageObject\">\n\t\t\t\t<meta itemprop=\"url\" content=\"https:\/\/www.psib-psoe.org\/mallorca\/wp-content\/themes\/notio-wp\/assets\/img\/logo.png\">\n\t\t\t<\/span>\n\t\t\t<meta itemprop=\"url\" content=\"https:\/\/www.psib-psoe.org\/mallorca\/\">\n\t\t<\/span>\n\t\t\t\t<span class=\"hide\" itemprop=\"image\" itemscope itemtype=\"http:\/\/schema.org\/ImageObject\">\n\t\t\t<meta itemprop=\"url\" content=\"https:\/\/www.psib-psoe.org\/mallorca\/wp-content\/uploads\/20220514_CONSELL-POLI\u0301TIC-FSM-2.jpg\">\n\t\t\t<meta itemprop=\"width\" content=\"5472\">\n\t\t\t<meta itemprop=\"height\" content=\"3648\">\n\t\t<\/span>\n\t\t\t\t<meta itemscope itemprop=\"mainEntityOfPage\" itemtype=\"https:\/\/schema.org\/WebPage\" itemid=\"https:\/\/www.psib-psoe.org\/mallorca\/catalina-cladera-a-les-eleccions-de-2023-complirem-el-nostre-objectiu-guanyar-les-eleccions-i-ampliar-forces-per-tots-els-territoris-de-mallorca\/\">\n\t<\/aside>\n\t\t<\/article>\n<\/div>\n<div class=\"small-12 large-4 columns\">\n\t<article itemscope itemtype=\"http:\/\/schema.org\/Article\" class=\"post blog-style7 alt post-26788 type-post status-publish format-standard has-post-thumbnail hentry category-federacio-de-mallorca category-municipis category-portada tag-catalina-cladera tag-fsm tag-psib-psoe\" role=\"article\">\n\t\t<figure class=\"post-gallery\"><img loading=\"lazy\" decoding=\"async\" width=\"600\" height=\"400\" src=\"https:\/\/www.psib-psoe.org\/mallorca\/wp-content\/uploads\/220430-Actes-1-de-maig-600x400.jpg\" class=\"attachment-notio-general-x2 size-notio-general-x2 wp-post-image\" alt=\"\" srcset=\"https:\/\/www.psib-psoe.org\/mallorca\/wp-content\/uploads\/220430-Actes-1-de-maig-600x400.jpg 600w, https:\/\/www.psib-psoe.org\/mallorca\/wp-content\/uploads\/220430-Actes-1-de-maig-300x200.jpg 300w, https:\/\/www.psib-psoe.org\/mallorca\/wp-content\/uploads\/220430-Actes-1-de-maig-900x600.jpg 900w, https:\/\/www.psib-psoe.org\/mallorca\/wp-content\/uploads\/220430-Actes-1-de-maig-20x13.jpg 20w\" sizes=\"(max-width: 600px) 100vw, 600px\" \/><\/figure>\n\t\t<div class=\"blog-top\">\n\t\t\t<header class=\"post-title entry-header\">\n\t\t\t\t<aside class=\"post-meta cf\">\n\t\t30\/04\/2022 \/ <a href=\"https:\/\/www.psib-psoe.org\/mallorca\/category\/federacio-de-mallorca\/\" rel=\"category tag\">Federaci\u00f3 de Mallorca<\/a>, <a href=\"https:\/\/www.psib-psoe.org\/mallorca\/category\/municipis\/\" rel=\"category tag\">Municipis<\/a>, <a href=\"https:\/\/www.psib-psoe.org\/mallorca\/category\/portada\/\" rel=\"category tag\">Portada<\/a><\/aside>\n\t\t\t\t<h3 itemprop=\"headline\"><a href=\"https:\/\/www.psib-psoe.org\/mallorca\/els-socialistes-de-mallorca-organitzen-una-serie-dactes-per-celebrar-l1-de-maig-el-dia-del-treballador\/\" title=\"Els Socialistes de Mallorca organitzen una s\u00e8rie d\u2019actes per celebrar l\u20191 de maig, el dia del treballador\">Els Socialistes de Mallorca organitzen una s\u00e8rie d\u2019actes per celebrar l\u20191 de maig, el dia del treballador<\/a><\/h3>\n\t\t\t<\/header>\n\t\t<\/div>\n\t\t<div class=\"post-content\">\n\t\t\t<a href=\"https:\/\/www.psib-psoe.org\/mallorca\/els-socialistes-de-mallorca-organitzen-una-serie-dactes-per-celebrar-l1-de-maig-el-dia-del-treballador\/\" class=\"more-link\">Read More<\/a>\n\t\t<\/div>\n\t\t\t<aside class=\"post-bottom-meta hide\">\n\t\t<strong rel=\"author\" itemprop=\"author\" class=\"author vcard\"><span class=\"fn\">Socialistes de Mallorca<\/span><\/strong>\n\t\t<time class=\"date published time\" datetime=\"2022-04-30T17:44:55+02:00\" itemprop=\"datePublished\" content=\"2022-04-30T17:44:55+02:00\">30\/04\/2022<\/time>\n\t\t<meta itemprop=\"dateModified\" class=\"date updated\" content=\"2022-04-30T17:44:55+02:00\">\n\t\t<span class=\"hide\" itemprop=\"publisher\" itemscope itemtype=\"https:\/\/schema.org\/Organization\">\n\t\t\t<meta itemprop=\"name\" content=\"SocialistesdMca\">\n\t\t\t<span itemprop=\"logo\" itemscope itemtype=\"https:\/\/schema.org\/ImageObject\">\n\t\t\t\t<meta itemprop=\"url\" content=\"https:\/\/www.psib-psoe.org\/mallorca\/wp-content\/themes\/notio-wp\/assets\/img\/logo.png\">\n\t\t\t<\/span>\n\t\t\t<meta itemprop=\"url\" content=\"https:\/\/www.psib-psoe.org\/mallorca\/\">\n\t\t<\/span>\n\t\t\t\t<span class=\"hide\" itemprop=\"image\" itemscope itemtype=\"http:\/\/schema.org\/ImageObject\">\n\t\t\t<meta itemprop=\"url\" content=\"https:\/\/www.psib-psoe.org\/mallorca\/wp-content\/uploads\/220430-Actes-1-de-maig.jpg\">\n\t\t\t<meta itemprop=\"width\" content=\"4032\">\n\t\t\t<meta itemprop=\"height\" content=\"3024\">\n\t\t<\/span>\n\t\t\t\t<meta itemscope itemprop=\"mainEntityOfPage\" itemtype=\"https:\/\/schema.org\/WebPage\" itemid=\"https:\/\/www.psib-psoe.org\/mallorca\/els-socialistes-de-mallorca-organitzen-una-serie-dactes-per-celebrar-l1-de-maig-el-dia-del-treballador\/\">\n\t<\/aside>\n\t\t<\/article>\n<\/div>\n<div class=\"small-12 large-4 columns\">\n\t<article itemscope itemtype=\"http:\/\/schema.org\/Article\" class=\"post blog-style7 alt post-26761 type-post status-publish format-standard has-post-thumbnail hentry category-federacio-de-mallorca category-federacio-de-mallorca-portada category-portada\" role=\"article\">\n\t\t<figure class=\"post-gallery\"><img loading=\"lazy\" decoding=\"async\" width=\"600\" height=\"400\" src=\"https:\/\/www.psib-psoe.org\/mallorca\/wp-content\/uploads\/20220425-Convocato\u0300ria-Consell-Poli\u0301tic-FSM-600x400.jpg\" class=\"attachment-notio-general-x2 size-notio-general-x2 wp-post-image\" alt=\"\" srcset=\"https:\/\/www.psib-psoe.org\/mallorca\/wp-content\/uploads\/20220425-Convocato\u0300ria-Consell-Poli\u0301tic-FSM-600x400.jpg 600w, https:\/\/www.psib-psoe.org\/mallorca\/wp-content\/uploads\/20220425-Convocato\u0300ria-Consell-Poli\u0301tic-FSM-300x200.jpg 300w, https:\/\/www.psib-psoe.org\/mallorca\/wp-content\/uploads\/20220425-Convocato\u0300ria-Consell-Poli\u0301tic-FSM-768x512.jpg 768w, https:\/\/www.psib-psoe.org\/mallorca\/wp-content\/uploads\/20220425-Convocato\u0300ria-Consell-Poli\u0301tic-FSM-1024x683.jpg 1024w, https:\/\/www.psib-psoe.org\/mallorca\/wp-content\/uploads\/20220425-Convocato\u0300ria-Consell-Poli\u0301tic-FSM-150x100.jpg 150w, https:\/\/www.psib-psoe.org\/mallorca\/wp-content\/uploads\/20220425-Convocato\u0300ria-Consell-Poli\u0301tic-FSM-900x600.jpg 900w, https:\/\/www.psib-psoe.org\/mallorca\/wp-content\/uploads\/20220425-Convocato\u0300ria-Consell-Poli\u0301tic-FSM-20x13.jpg 20w\" sizes=\"(max-width: 600px) 100vw, 600px\" \/><\/figure>\n\t\t<div class=\"blog-top\">\n\t\t\t<header class=\"post-title entry-header\">\n\t\t\t\t<aside class=\"post-meta cf\">\n\t\t25\/04\/2022 \/ <a href=\"https:\/\/www.psib-psoe.org\/mallorca\/category\/federacio-de-mallorca\/\" rel=\"category tag\">Federaci\u00f3 de Mallorca<\/a>, <a href=\"https:\/\/www.psib-psoe.org\/mallorca\/category\/federacio-de-mallorca-portada\/\" rel=\"category tag\">Federaci\u00f3 de Mallorca - Portada<\/a>, <a href=\"https:\/\/www.psib-psoe.org\/mallorca\/category\/portada\/\" rel=\"category tag\">Portada<\/a><\/aside>\n\t\t\t\t<h3 itemprop=\"headline\"><a href=\"https:\/\/www.psib-psoe.org\/mallorca\/la-federacio-socialista-de-mallorca-convoca-el-seu-consell-politic-per-al-proxim-14-de-maig\/\" title=\"La Federaci\u00f3 Socialista de Mallorca convoca el seu Consell Pol\u00edtic per al pr\u00f2xim 14 de maig\">La Federaci\u00f3 Socialista de Mallorca convoca el seu Consell Pol\u00edtic per al pr\u00f2xim 14 de maig<\/a><\/h3>\n\t\t\t<\/header>\n\t\t<\/div>\n\t\t<div class=\"post-content\">\n\t\t\t<a href=\"https:\/\/www.psib-psoe.org\/mallorca\/la-federacio-socialista-de-mallorca-convoca-el-seu-consell-politic-per-al-proxim-14-de-maig\/\" class=\"more-link\">Read More<\/a>\n\t\t<\/div>\n\t\t\t<aside class=\"post-bottom-meta hide\">\n\t\t<strong rel=\"author\" itemprop=\"author\" class=\"author vcard\"><span class=\"fn\">Socialistes de Mallorca<\/span><\/strong>\n\t\t<time class=\"date published time\" datetime=\"2022-04-25T19:07:08+02:00\" itemprop=\"datePublished\" content=\"2022-04-25T19:07:08+02:00\">25\/04\/2022<\/time>\n\t\t<meta itemprop=\"dateModified\" class=\"date updated\" content=\"2022-04-25T19:07:08+02:00\">\n\t\t<span class=\"hide\" itemprop=\"publisher\" itemscope itemtype=\"https:\/\/schema.org\/Organization\">\n\t\t\t<meta itemprop=\"name\" content=\"SocialistesdMca\">\n\t\t\t<span itemprop=\"logo\" itemscope itemtype=\"https:\/\/schema.org\/ImageObject\">\n\t\t\t\t<meta itemprop=\"url\" content=\"https:\/\/www.psib-psoe.org\/mallorca\/wp-content\/themes\/notio-wp\/assets\/img\/logo.png\">\n\t\t\t<\/span>\n\t\t\t<meta itemprop=\"url\" content=\"https:\/\/www.psib-psoe.org\/mallorca\/\">\n\t\t<\/span>\n\t\t\t\t<span class=\"hide\" itemprop=\"image\" itemscope itemtype=\"http:\/\/schema.org\/ImageObject\">\n\t\t\t<meta itemprop=\"url\" content=\"https:\/\/www.psib-psoe.org\/mallorca\/wp-content\/uploads\/20220425-Convocato\u0300ria-Consell-Poli\u0301tic-FSM.jpg\">\n\t\t\t<meta itemprop=\"width\" content=\"5472\">\n\t\t\t<meta itemprop=\"height\" content=\"3648\">\n\t\t<\/span>\n\t\t\t\t<meta itemscope itemprop=\"mainEntityOfPage\" itemtype=\"https:\/\/schema.org\/WebPage\" itemid=\"https:\/\/www.psib-psoe.org\/mallorca\/la-federacio-socialista-de-mallorca-convoca-el-seu-consell-politic-per-al-proxim-14-de-maig\/\">\n\t<\/aside>\n\t\t<\/article>\n<\/div>\n<div class=\"small-12 large-4 columns\">\n\t<article itemscope itemtype=\"http:\/\/schema.org\/Article\" class=\"post blog-style7 alt post-26758 type-post status-publish format-standard has-post-thumbnail hentry category-federacio-de-mallorca category-federacio-de-mallorca-portada category-portada tag-catalina-cladera tag-creu-roja tag-federacio-socialista-de-mallorca tag-francina-armengol tag-jaume-oliver tag-maria-jose-varela tag-maria-plaza tag-metges-del-mon tag-nati-frances tag-premis-maria-plaza\" role=\"article\">\n\t\t<figure class=\"post-gallery\"><img loading=\"lazy\" decoding=\"async\" width=\"600\" height=\"400\" src=\"https:\/\/www.psib-psoe.org\/mallorca\/wp-content\/uploads\/20220422-XXI-PREMIS-MARIA-PLAZA-600x400.jpg\" class=\"attachment-notio-general-x2 size-notio-general-x2 wp-post-image\" alt=\"\" srcset=\"https:\/\/www.psib-psoe.org\/mallorca\/wp-content\/uploads\/20220422-XXI-PREMIS-MARIA-PLAZA-600x400.jpg 600w, https:\/\/www.psib-psoe.org\/mallorca\/wp-content\/uploads\/20220422-XXI-PREMIS-MARIA-PLAZA-300x200.jpg 300w, https:\/\/www.psib-psoe.org\/mallorca\/wp-content\/uploads\/20220422-XXI-PREMIS-MARIA-PLAZA-900x600.jpg 900w, https:\/\/www.psib-psoe.org\/mallorca\/wp-content\/uploads\/20220422-XXI-PREMIS-MARIA-PLAZA-20x13.jpg 20w\" sizes=\"(max-width: 600px) 100vw, 600px\" \/><\/figure>\n\t\t<div class=\"blog-top\">\n\t\t\t<header class=\"post-title entry-header\">\n\t\t\t\t<aside class=\"post-meta cf\">\n\t\t22\/04\/2022 \/ <a href=\"https:\/\/www.psib-psoe.org\/mallorca\/category\/federacio-de-mallorca\/\" rel=\"category tag\">Federaci\u00f3 de Mallorca<\/a>, <a href=\"https:\/\/www.psib-psoe.org\/mallorca\/category\/federacio-de-mallorca-portada\/\" rel=\"category tag\">Federaci\u00f3 de Mallorca - Portada<\/a>, <a href=\"https:\/\/www.psib-psoe.org\/mallorca\/category\/portada\/\" rel=\"category tag\">Portada<\/a><\/aside>\n\t\t\t\t<h3 itemprop=\"headline\"><a href=\"https:\/\/www.psib-psoe.org\/mallorca\/la-federacio-socialista-de-mallorca-reconeix-la-vocacio-de-servei-i-els-valors-per-la-igualtat-que-representen-organitzacions-com-creu-roja-i-metges-del-mon-o-que-va-representar-maria-jose-varela\/\" title=\"La Federaci\u00f3 Socialista de Mallorca reconeix la vocaci\u00f3 de servei i els valors per la igualtat que representen organitzacions com Creu Roja i Metges del M\u00f3n o que va representar Maria Jos\u00e9 Varela\">La Federaci\u00f3 Socialista de Mallorca reconeix la vocaci\u00f3 de servei i els valors per la igualtat que representen organitzacions com Creu Roja i Metges del M\u00f3n o que va representar Maria Jos\u00e9 Varela<\/a><\/h3>\n\t\t\t<\/header>\n\t\t<\/div>\n\t\t<div class=\"post-content\">\n\t\t\t<a href=\"https:\/\/www.psib-psoe.org\/mallorca\/la-federacio-socialista-de-mallorca-reconeix-la-vocacio-de-servei-i-els-valors-per-la-igualtat-que-representen-organitzacions-com-creu-roja-i-metges-del-mon-o-que-va-representar-maria-jose-varela\/\" class=\"more-link\">Read More<\/a>\n\t\t<\/div>\n\t\t\t<aside class=\"post-bottom-meta hide\">\n\t\t<strong rel=\"author\" itemprop=\"author\" class=\"author vcard\"><span class=\"fn\">Socialistes de Mallorca<\/span><\/strong>\n\t\t<time class=\"date published time\" datetime=\"2022-04-22T22:32:45+02:00\" itemprop=\"datePublished\" content=\"2022-04-22T22:32:45+02:00\">22\/04\/2022<\/time>\n\t\t<meta itemprop=\"dateModified\" class=\"date updated\" content=\"2022-04-22T22:32:45+02:00\">\n\t\t<span class=\"hide\" itemprop=\"publisher\" itemscope itemtype=\"https:\/\/schema.org\/Organization\">\n\t\t\t<meta itemprop=\"name\" content=\"SocialistesdMca\">\n\t\t\t<span itemprop=\"logo\" itemscope itemtype=\"https:\/\/schema.org\/ImageObject\">\n\t\t\t\t<meta itemprop=\"url\" content=\"https:\/\/www.psib-psoe.org\/mallorca\/wp-content\/themes\/notio-wp\/assets\/img\/logo.png\">\n\t\t\t<\/span>\n\t\t\t<meta itemprop=\"url\" content=\"https:\/\/www.psib-psoe.org\/mallorca\/\">\n\t\t<\/span>\n\t\t\t\t<span class=\"hide\" itemprop=\"image\" itemscope itemtype=\"http:\/\/schema.org\/ImageObject\">\n\t\t\t<meta itemprop=\"url\" content=\"https:\/\/www.psib-psoe.org\/mallorca\/wp-content\/uploads\/20220422-XXI-PREMIS-MARIA-PLAZA.jpg\">\n\t\t\t<meta itemprop=\"width\" content=\"4032\">\n\t\t\t<meta itemprop=\"height\" content=\"3024\">\n\t\t<\/span>\n\t\t\t\t<meta itemscope itemprop=\"mainEntityOfPage\" itemtype=\"https:\/\/schema.org\/WebPage\" itemid=\"https:\/\/www.psib-psoe.org\/mallorca\/la-federacio-socialista-de-mallorca-reconeix-la-vocacio-de-servei-i-els-valors-per-la-igualtat-que-representen-organitzacions-com-creu-roja-i-metges-del-mon-o-que-va-representar-maria-jose-varela\/\">\n\t<\/aside>\n\t\t<\/article>\n<\/div>\n<div class=\"small-12 large-4 columns\">\n\t<article itemscope itemtype=\"http:\/\/schema.org\/Article\" class=\"post blog-style7 alt post-26744 type-post status-publish format-standard has-post-thumbnail hentry category-federacio-de-mallorca category-municipis category-portada tag-andratx tag-catalina-cladera tag-toni-bordoy\" role=\"article\">\n\t\t<figure class=\"post-gallery\"><img loading=\"lazy\" decoding=\"async\" width=\"600\" height=\"400\" src=\"https:\/\/www.psib-psoe.org\/mallorca\/wp-content\/uploads\/202204010_ASSEMBLEA-ANDRATX-3-600x400.jpeg\" class=\"attachment-notio-general-x2 size-notio-general-x2 wp-post-image\" alt=\"\" srcset=\"https:\/\/www.psib-psoe.org\/mallorca\/wp-content\/uploads\/202204010_ASSEMBLEA-ANDRATX-3-600x400.jpeg 600w, https:\/\/www.psib-psoe.org\/mallorca\/wp-content\/uploads\/202204010_ASSEMBLEA-ANDRATX-3-300x200.jpeg 300w, https:\/\/www.psib-psoe.org\/mallorca\/wp-content\/uploads\/202204010_ASSEMBLEA-ANDRATX-3-900x600.jpeg 900w, https:\/\/www.psib-psoe.org\/mallorca\/wp-content\/uploads\/202204010_ASSEMBLEA-ANDRATX-3-20x13.jpeg 20w\" sizes=\"(max-width: 600px) 100vw, 600px\" \/><\/figure>\n\t\t<div class=\"blog-top\">\n\t\t\t<header class=\"post-title entry-header\">\n\t\t\t\t<aside class=\"post-meta cf\">\n\t\t10\/04\/2022 \/ <a href=\"https:\/\/www.psib-psoe.org\/mallorca\/category\/federacio-de-mallorca\/\" rel=\"category tag\">Federaci\u00f3 de Mallorca<\/a>, <a href=\"https:\/\/www.psib-psoe.org\/mallorca\/category\/municipis\/\" rel=\"category tag\">Municipis<\/a>, <a href=\"https:\/\/www.psib-psoe.org\/mallorca\/category\/portada\/\" rel=\"category tag\">Portada<\/a><\/aside>\n\t\t\t\t<h3 itemprop=\"headline\"><a href=\"https:\/\/www.psib-psoe.org\/mallorca\/socialistes-andratx-elegeixen-toni-bordoy-secretari-general-objectiu-batlia-quatre-anys\/\" title=\"Els Socialistes d\u2019Andratx elegeixen Toni Bordoy com a secretari general amb l\u2019objectiu de millorar els resultats el 2023 i assolir la batlia els quatre anys\">Els Socialistes d\u2019Andratx elegeixen Toni Bordoy com a secretari general amb l\u2019objectiu de millorar els resultats el 2023 i assolir la batlia els quatre anys<\/a><\/h3>\n\t\t\t<\/header>\n\t\t<\/div>\n\t\t<div class=\"post-content\">\n\t\t\t<a href=\"https:\/\/www.psib-psoe.org\/mallorca\/socialistes-andratx-elegeixen-toni-bordoy-secretari-general-objectiu-batlia-quatre-anys\/\" class=\"more-link\">Read More<\/a>\n\t\t<\/div>\n\t\t\t<aside class=\"post-bottom-meta hide\">\n\t\t<strong rel=\"author\" itemprop=\"author\" class=\"author vcard\"><span class=\"fn\">Albert<\/span><\/strong>\n\t\t<time class=\"date published time\" datetime=\"2022-04-10T10:06:04+02:00\" itemprop=\"datePublished\" content=\"2022-04-10T10:06:04+02:00\">10\/04\/2022<\/time>\n\t\t<meta itemprop=\"dateModified\" class=\"date updated\" content=\"2022-04-10T10:06:04+02:00\">\n\t\t<span class=\"hide\" itemprop=\"publisher\" itemscope itemtype=\"https:\/\/schema.org\/Organization\">\n\t\t\t<meta itemprop=\"name\" content=\"SocialistesdMca\">\n\t\t\t<span itemprop=\"logo\" itemscope itemtype=\"https:\/\/schema.org\/ImageObject\">\n\t\t\t\t<meta itemprop=\"url\" content=\"https:\/\/www.psib-psoe.org\/mallorca\/wp-content\/themes\/notio-wp\/assets\/img\/logo.png\">\n\t\t\t<\/span>\n\t\t\t<meta itemprop=\"url\" content=\"https:\/\/www.psib-psoe.org\/mallorca\/\">\n\t\t<\/span>\n\t\t\t\t<span class=\"hide\" itemprop=\"image\" itemscope itemtype=\"http:\/\/schema.org\/ImageObject\">\n\t\t\t<meta itemprop=\"url\" content=\"https:\/\/www.psib-psoe.org\/mallorca\/wp-content\/uploads\/202204010_ASSEMBLEA-ANDRATX-3.jpeg\">\n\t\t\t<meta itemprop=\"width\" content=\"1364\">\n\t\t\t<meta itemprop=\"height\" content=\"1023\">\n\t\t<\/span>\n\t\t\t\t<meta itemscope itemprop=\"mainEntityOfPage\" itemtype=\"https:\/\/schema.org\/WebPage\" itemid=\"https:\/\/www.psib-psoe.org\/mallorca\/socialistes-andratx-elegeixen-toni-bordoy-secretari-general-objectiu-batlia-quatre-anys\/\">\n\t<\/aside>\n\t\t<\/article>\n<\/div>\n<div class=\"small-12 large-4 columns\">\n\t<article itemscope itemtype=\"http:\/\/schema.org\/Article\" class=\"post blog-style7 alt post-26741 type-post status-publish format-standard has-post-thumbnail hentry category-federacio-de-mallorca category-municipis category-portada tag-capdepera tag-catalina-cladera tag-rafel-fernandez\" role=\"article\">\n\t\t<figure class=\"post-gallery\"><img loading=\"lazy\" decoding=\"async\" width=\"600\" height=\"400\" src=\"https:\/\/www.psib-psoe.org\/mallorca\/wp-content\/uploads\/20220409_ASSEMBLEA-CAPDEPERA-2-600x400.jpg\" class=\"attachment-notio-general-x2 size-notio-general-x2 wp-post-image\" alt=\"\" srcset=\"https:\/\/www.psib-psoe.org\/mallorca\/wp-content\/uploads\/20220409_ASSEMBLEA-CAPDEPERA-2-600x400.jpg 600w, https:\/\/www.psib-psoe.org\/mallorca\/wp-content\/uploads\/20220409_ASSEMBLEA-CAPDEPERA-2-300x200.jpg 300w, https:\/\/www.psib-psoe.org\/mallorca\/wp-content\/uploads\/20220409_ASSEMBLEA-CAPDEPERA-2-900x600.jpg 900w, https:\/\/www.psib-psoe.org\/mallorca\/wp-content\/uploads\/20220409_ASSEMBLEA-CAPDEPERA-2-20x13.jpg 20w\" sizes=\"(max-width: 600px) 100vw, 600px\" \/><\/figure>\n\t\t<div class=\"blog-top\">\n\t\t\t<header class=\"post-title entry-header\">\n\t\t\t\t<aside class=\"post-meta cf\">\n\t\t09\/04\/2022 \/ <a href=\"https:\/\/www.psib-psoe.org\/mallorca\/category\/federacio-de-mallorca\/\" rel=\"category tag\">Federaci\u00f3 de Mallorca<\/a>, <a href=\"https:\/\/www.psib-psoe.org\/mallorca\/category\/municipis\/\" rel=\"category tag\">Municipis<\/a>, <a href=\"https:\/\/www.psib-psoe.org\/mallorca\/category\/portada\/\" rel=\"category tag\">Portada<\/a><\/aside>\n\t\t\t\t<h3 itemprop=\"headline\"><a href=\"https:\/\/www.psib-psoe.org\/mallorca\/socialistes-capdepera-reelegeixen-rafel-fernandez-secretari-general-objectiu-majoria-absoluta-2023\/\" title=\"Els Socialistes de Capdepera reelegeixen Rafel Fern\u00e1ndez com a secretari general amb l\u2019objectiu d\u2019assolir la majoria absoluta a la batlia el 2023\">Els Socialistes de Capdepera reelegeixen Rafel Fern\u00e1ndez com a secretari general amb l\u2019objectiu d\u2019assolir la majoria absoluta a la batlia el 2023<\/a><\/h3>\n\t\t\t<\/header>\n\t\t<\/div>\n\t\t<div class=\"post-content\">\n\t\t\t<a href=\"https:\/\/www.psib-psoe.org\/mallorca\/socialistes-capdepera-reelegeixen-rafel-fernandez-secretari-general-objectiu-majoria-absoluta-2023\/\" class=\"more-link\">Read More<\/a>\n\t\t<\/div>\n\t\t\t<aside class=\"post-bottom-meta hide\">\n\t\t<strong rel=\"author\" itemprop=\"author\" class=\"author vcard\"><span class=\"fn\">Albert<\/span><\/strong>\n\t\t<time class=\"date published time\" datetime=\"2022-04-09T16:05:27+02:00\" itemprop=\"datePublished\" content=\"2022-04-09T16:05:27+02:00\">09\/04\/2022<\/time>\n\t\t<meta itemprop=\"dateModified\" class=\"date updated\" content=\"2022-04-09T16:05:27+02:00\">\n\t\t<span class=\"hide\" itemprop=\"publisher\" itemscope itemtype=\"https:\/\/schema.org\/Organization\">\n\t\t\t<meta itemprop=\"name\" content=\"SocialistesdMca\">\n\t\t\t<span itemprop=\"logo\" itemscope itemtype=\"https:\/\/schema.org\/ImageObject\">\n\t\t\t\t<meta itemprop=\"url\" content=\"https:\/\/www.psib-psoe.org\/mallorca\/wp-content\/themes\/notio-wp\/assets\/img\/logo.png\">\n\t\t\t<\/span>\n\t\t\t<meta itemprop=\"url\" content=\"https:\/\/www.psib-psoe.org\/mallorca\/\">\n\t\t<\/span>\n\t\t\t\t<span class=\"hide\" itemprop=\"image\" itemscope itemtype=\"http:\/\/schema.org\/ImageObject\">\n\t\t\t<meta itemprop=\"url\" content=\"https:\/\/www.psib-psoe.org\/mallorca\/wp-content\/uploads\/20220409_ASSEMBLEA-CAPDEPERA-2.jpg\">\n\t\t\t<meta itemprop=\"width\" content=\"3391\">\n\t\t\t<meta itemprop=\"height\" content=\"2543\">\n\t\t<\/span>\n\t\t\t\t<meta itemscope itemprop=\"mainEntityOfPage\" itemtype=\"https:\/\/schema.org\/WebPage\" itemid=\"https:\/\/www.psib-psoe.org\/mallorca\/socialistes-capdepera-reelegeixen-rafel-fernandez-secretari-general-objectiu-majoria-absoluta-2023\/\">\n\t<\/aside>\n\t\t<\/article>\n<\/div>\n<div class=\"small-12 large-4 columns\">\n\t<article itemscope itemtype=\"http:\/\/schema.org\/Article\" class=\"post blog-style7 alt post-26699 type-post status-publish format-standard has-post-thumbnail hentry category-federacio-de-mallorca category-federacio-de-mallorca-portada category-portada tag-catalina-cladera tag-executiva tag-federacio-socialista-de-mallorca tag-psib-psoe\" role=\"article\">\n\t\t<figure class=\"post-gallery\"><img loading=\"lazy\" decoding=\"async\" width=\"600\" height=\"400\" src=\"https:\/\/www.psib-psoe.org\/mallorca\/wp-content\/uploads\/20220328-Executiva-FSM-600x400.jpg\" class=\"attachment-notio-general-x2 size-notio-general-x2 wp-post-image\" alt=\"\" srcset=\"https:\/\/www.psib-psoe.org\/mallorca\/wp-content\/uploads\/20220328-Executiva-FSM-600x400.jpg 600w, https:\/\/www.psib-psoe.org\/mallorca\/wp-content\/uploads\/20220328-Executiva-FSM-300x200.jpg 300w, https:\/\/www.psib-psoe.org\/mallorca\/wp-content\/uploads\/20220328-Executiva-FSM-900x600.jpg 900w, https:\/\/www.psib-psoe.org\/mallorca\/wp-content\/uploads\/20220328-Executiva-FSM-20x13.jpg 20w\" sizes=\"(max-width: 600px) 100vw, 600px\" \/><\/figure>\n\t\t<div class=\"blog-top\">\n\t\t\t<header class=\"post-title entry-header\">\n\t\t\t\t<aside class=\"post-meta cf\">\n\t\t28\/03\/2022 \/ <a href=\"https:\/\/www.psib-psoe.org\/mallorca\/category\/federacio-de-mallorca\/\" rel=\"category tag\">Federaci\u00f3 de Mallorca<\/a>, <a href=\"https:\/\/www.psib-psoe.org\/mallorca\/category\/federacio-de-mallorca-portada\/\" rel=\"category tag\">Federaci\u00f3 de Mallorca - Portada<\/a>, <a href=\"https:\/\/www.psib-psoe.org\/mallorca\/category\/portada\/\" rel=\"category tag\">Portada<\/a><\/aside>\n\t\t\t\t<h3 itemprop=\"headline\"><a href=\"https:\/\/www.psib-psoe.org\/mallorca\/els-socialistes-de-mallorca-mostren-el-seu-suport-a-les-mesures-aprovades-pel-govern-despanya-per-fer-front-a-lincrement-dels-preus-de-lelectricitat-i-dels-hidrocarburs\/\" title=\"Els Socialistes de Mallorca mostren el seu suport a les mesures aprovades pel govern d\u2019Espanya per fer front a l\u2019increment dels preus de l\u2019electricitat i dels hidrocarburs\">Els Socialistes de Mallorca mostren el seu suport a les mesures aprovades pel govern d\u2019Espanya per fer front a l\u2019increment dels preus de l\u2019electricitat i dels hidrocarburs<\/a><\/h3>\n\t\t\t<\/header>\n\t\t<\/div>\n\t\t<div class=\"post-content\">\n\t\t\t<a href=\"https:\/\/www.psib-psoe.org\/mallorca\/els-socialistes-de-mallorca-mostren-el-seu-suport-a-les-mesures-aprovades-pel-govern-despanya-per-fer-front-a-lincrement-dels-preus-de-lelectricitat-i-dels-hidrocarburs\/\" class=\"more-link\">Read More<\/a>\n\t\t<\/div>\n\t\t\t<aside class=\"post-bottom-meta hide\">\n\t\t<strong rel=\"author\" itemprop=\"author\" class=\"author vcard\"><span class=\"fn\">Albert<\/span><\/strong>\n\t\t<time class=\"date published time\" datetime=\"2022-03-28T19:50:10+02:00\" itemprop=\"datePublished\" content=\"2022-03-28T19:50:10+02:00\">28\/03\/2022<\/time>\n\t\t<meta itemprop=\"dateModified\" class=\"date updated\" content=\"2022-03-28T19:50:10+02:00\">\n\t\t<span class=\"hide\" itemprop=\"publisher\" itemscope itemtype=\"https:\/\/schema.org\/Organization\">\n\t\t\t<meta itemprop=\"name\" content=\"SocialistesdMca\">\n\t\t\t<span itemprop=\"logo\" itemscope itemtype=\"https:\/\/schema.org\/ImageObject\">\n\t\t\t\t<meta itemprop=\"url\" content=\"https:\/\/www.psib-psoe.org\/mallorca\/wp-content\/themes\/notio-wp\/assets\/img\/logo.png\">\n\t\t\t<\/span>\n\t\t\t<meta itemprop=\"url\" content=\"https:\/\/www.psib-psoe.org\/mallorca\/\">\n\t\t<\/span>\n\t\t\t\t<span class=\"hide\" itemprop=\"image\" itemscope itemtype=\"http:\/\/schema.org\/ImageObject\">\n\t\t\t<meta itemprop=\"url\" content=\"https:\/\/www.psib-psoe.org\/mallorca\/wp-content\/uploads\/20220328-Executiva-FSM.jpg\">\n\t\t\t<meta itemprop=\"width\" content=\"3178\">\n\t\t\t<meta itemprop=\"height\" content=\"2383\">\n\t\t<\/span>\n\t\t\t\t<meta itemscope itemprop=\"mainEntityOfPage\" itemtype=\"https:\/\/schema.org\/WebPage\" itemid=\"https:\/\/www.psib-psoe.org\/mallorca\/els-socialistes-de-mallorca-mostren-el-seu-suport-a-les-mesures-aprovades-pel-govern-despanya-per-fer-front-a-lincrement-dels-preus-de-lelectricitat-i-dels-hidrocarburs\/\">\n\t<\/aside>\n\t\t<\/article>\n<\/div>\n<div class=\"small-12 large-4 columns\">\n\t<article itemscope itemtype=\"http:\/\/schema.org\/Article\" class=\"post blog-style7 alt post-26642 type-post status-publish format-standard has-post-thumbnail hentry category-federacio-de-mallorca category-municipis category-portada tag-aina-munar tag-alaro tag-assemblea-local tag-federacio-socialista-de-mallorca tag-mallorca tag-psib-psoe tag-socialistes-dalaro\" role=\"article\">\n\t\t<figure class=\"post-gallery\"><img loading=\"lazy\" decoding=\"async\" width=\"600\" height=\"400\" src=\"https:\/\/www.psib-psoe.org\/mallorca\/wp-content\/uploads\/20220312-Assemblea-Alaro\u0301-600x400.jpeg\" class=\"attachment-notio-general-x2 size-notio-general-x2 wp-post-image\" alt=\"\" srcset=\"https:\/\/www.psib-psoe.org\/mallorca\/wp-content\/uploads\/20220312-Assemblea-Alaro\u0301-600x400.jpeg 600w, https:\/\/www.psib-psoe.org\/mallorca\/wp-content\/uploads\/20220312-Assemblea-Alaro\u0301-300x200.jpeg 300w, https:\/\/www.psib-psoe.org\/mallorca\/wp-content\/uploads\/20220312-Assemblea-Alaro\u0301-20x13.jpeg 20w, https:\/\/www.psib-psoe.org\/mallorca\/wp-content\/uploads\/20220312-Assemblea-Alaro\u0301-900x600.jpeg 900w\" sizes=\"(max-width: 600px) 100vw, 600px\" \/><\/figure>\n\t\t<div class=\"blog-top\">\n\t\t\t<header class=\"post-title entry-header\">\n\t\t\t\t<aside class=\"post-meta cf\">\n\t\t12\/03\/2022 \/ <a href=\"https:\/\/www.psib-psoe.org\/mallorca\/category\/federacio-de-mallorca\/\" rel=\"category tag\">Federaci\u00f3 de Mallorca<\/a>, <a href=\"https:\/\/www.psib-psoe.org\/mallorca\/category\/municipis\/\" rel=\"category tag\">Municipis<\/a>, <a href=\"https:\/\/www.psib-psoe.org\/mallorca\/category\/portada\/\" rel=\"category tag\">Portada<\/a><\/aside>\n\t\t\t\t<h3 itemprop=\"headline\"><a href=\"https:\/\/www.psib-psoe.org\/mallorca\/els-socialistes-dalaro-reelegeixen-a-aina-munar-com-a-secretaria-general\/\" title=\"Els Socialistes d\u2019Alar\u00f3 reelegeixen a Aina Munar com a Secret\u00e0ria General\">Els Socialistes d\u2019Alar\u00f3 reelegeixen a Aina Munar com a Secret\u00e0ria General<\/a><\/h3>\n\t\t\t<\/header>\n\t\t<\/div>\n\t\t<div class=\"post-content\">\n\t\t\t<a href=\"https:\/\/www.psib-psoe.org\/mallorca\/els-socialistes-dalaro-reelegeixen-a-aina-munar-com-a-secretaria-general\/\" class=\"more-link\">Read More<\/a>\n\t\t<\/div>\n\t\t\t<aside class=\"post-bottom-meta hide\">\n\t\t<strong rel=\"author\" itemprop=\"author\" class=\"author vcard\"><span class=\"fn\">Socialistes de Mallorca<\/span><\/strong>\n\t\t<time class=\"date published time\" datetime=\"2022-03-12T13:55:52+02:00\" itemprop=\"datePublished\" content=\"2022-03-12T13:55:52+02:00\">12\/03\/2022<\/time>\n\t\t<meta itemprop=\"dateModified\" class=\"date updated\" content=\"2022-03-12T13:55:52+02:00\">\n\t\t<span class=\"hide\" itemprop=\"publisher\" itemscope itemtype=\"https:\/\/schema.org\/Organization\">\n\t\t\t<meta itemprop=\"name\" content=\"SocialistesdMca\">\n\t\t\t<span itemprop=\"logo\" itemscope itemtype=\"https:\/\/schema.org\/ImageObject\">\n\t\t\t\t<meta itemprop=\"url\" content=\"https:\/\/www.psib-psoe.org\/mallorca\/wp-content\/themes\/notio-wp\/assets\/img\/logo.png\">\n\t\t\t<\/span>\n\t\t\t<meta itemprop=\"url\" content=\"https:\/\/www.psib-psoe.org\/mallorca\/\">\n\t\t<\/span>\n\t\t\t\t<span class=\"hide\" itemprop=\"image\" itemscope itemtype=\"http:\/\/schema.org\/ImageObject\">\n\t\t\t<meta itemprop=\"url\" content=\"https:\/\/www.psib-psoe.org\/mallorca\/wp-content\/uploads\/20220312-Assemblea-Alaro\u0301.jpeg\">\n\t\t\t<meta itemprop=\"width\" content=\"1525\">\n\t\t\t<meta itemprop=\"height\" content=\"964\">\n\t\t<\/span>\n\t\t\t\t<meta itemscope itemprop=\"mainEntityOfPage\" itemtype=\"https:\/\/schema.org\/WebPage\" itemid=\"https:\/\/www.psib-psoe.org\/mallorca\/els-socialistes-dalaro-reelegeixen-a-aina-munar-com-a-secretaria-general\/\">\n\t<\/aside>\n\t\t<\/article>\n<\/div>\n<div class=\"small-12 large-4 columns\">\n\t<article itemscope itemtype=\"http:\/\/schema.org\/Article\" class=\"post blog-style7 alt post-26615 type-post status-publish format-standard has-post-thumbnail hentry category-consell-de-mallorca category-federacio-de-mallorca category-federacio-de-mallorca-portada category-portada tag-catalina-cladera tag-consell-de-mallorca tag-esment tag-federacio-socialista-de-mallorca tag-inca tag-mallorca tag-psib-psoe tag-socialistes-dinca tag-virgili-moreno\" role=\"article\">\n\t\t<figure class=\"post-gallery\"><img loading=\"lazy\" decoding=\"async\" width=\"600\" height=\"400\" src=\"https:\/\/www.psib-psoe.org\/mallorca\/wp-content\/uploads\/Jornada-de-Feina-Socialista-1-600x400.jpg\" class=\"attachment-notio-general-x2 size-notio-general-x2 wp-post-image\" alt=\"\" srcset=\"https:\/\/www.psib-psoe.org\/mallorca\/wp-content\/uploads\/Jornada-de-Feina-Socialista-1-600x400.jpg 600w, https:\/\/www.psib-psoe.org\/mallorca\/wp-content\/uploads\/Jornada-de-Feina-Socialista-1-300x200.jpg 300w, https:\/\/www.psib-psoe.org\/mallorca\/wp-content\/uploads\/Jornada-de-Feina-Socialista-1-900x600.jpg 900w, https:\/\/www.psib-psoe.org\/mallorca\/wp-content\/uploads\/Jornada-de-Feina-Socialista-1-20x13.jpg 20w\" sizes=\"(max-width: 600px) 100vw, 600px\" \/><\/figure>\n\t\t<div class=\"blog-top\">\n\t\t\t<header class=\"post-title entry-header\">\n\t\t\t\t<aside class=\"post-meta cf\">\n\t\t03\/03\/2022 \/ <a href=\"https:\/\/www.psib-psoe.org\/mallorca\/category\/consell-de-mallorca\/\" rel=\"category tag\">Consell de Mallorca<\/a>, <a href=\"https:\/\/www.psib-psoe.org\/mallorca\/category\/federacio-de-mallorca\/\" rel=\"category tag\">Federaci\u00f3 de Mallorca<\/a>, <a href=\"https:\/\/www.psib-psoe.org\/mallorca\/category\/federacio-de-mallorca-portada\/\" rel=\"category tag\">Federaci\u00f3 de Mallorca - Portada<\/a>, <a href=\"https:\/\/www.psib-psoe.org\/mallorca\/category\/portada\/\" rel=\"category tag\">Portada<\/a><\/aside>\n\t\t\t\t<h3 itemprop=\"headline\"><a href=\"https:\/\/www.psib-psoe.org\/mallorca\/els-socialistes-de-mallorca-organitzen-una-trobada-de-feina-per-encarar-el-projecte-socialista-per-al-proxim-any-amb-la-mira-posada-a-les-eleccions-del-2023\/\" title=\"Els Socialistes de Mallorca organitzen una trobada de feina per encarar el projecte socialista per al pr\u00f2xim any amb la mira posada a les eleccions del 2023\">Els Socialistes de Mallorca organitzen una trobada de feina per encarar el projecte socialista per al pr\u00f2xim any amb la mira posada a les eleccions del 2023<\/a><\/h3>\n\t\t\t<\/header>\n\t\t<\/div>\n\t\t<div class=\"post-content\">\n\t\t\t<a href=\"https:\/\/www.psib-psoe.org\/mallorca\/els-socialistes-de-mallorca-organitzen-una-trobada-de-feina-per-encarar-el-projecte-socialista-per-al-proxim-any-amb-la-mira-posada-a-les-eleccions-del-2023\/\" class=\"more-link\">Read More<\/a>\n\t\t<\/div>\n\t\t\t<aside class=\"post-bottom-meta hide\">\n\t\t<strong rel=\"author\" itemprop=\"author\" class=\"author vcard\"><span class=\"fn\">Socialistes de Mallorca<\/span><\/strong>\n\t\t<time class=\"date published time\" datetime=\"2022-03-03T18:38:26+02:00\" itemprop=\"datePublished\" content=\"2022-03-03T18:38:26+02:00\">03\/03\/2022<\/time>\n\t\t<meta itemprop=\"dateModified\" class=\"date updated\" content=\"2022-03-03T18:38:26+02:00\">\n\t\t<span class=\"hide\" itemprop=\"publisher\" itemscope itemtype=\"https:\/\/schema.org\/Organization\">\n\t\t\t<meta itemprop=\"name\" content=\"SocialistesdMca\">\n\t\t\t<span itemprop=\"logo\" itemscope itemtype=\"https:\/\/schema.org\/ImageObject\">\n\t\t\t\t<meta itemprop=\"url\" content=\"https:\/\/www.psib-psoe.org\/mallorca\/wp-content\/themes\/notio-wp\/assets\/img\/logo.png\">\n\t\t\t<\/span>\n\t\t\t<meta itemprop=\"url\" content=\"https:\/\/www.psib-psoe.org\/mallorca\/\">\n\t\t<\/span>\n\t\t\t\t<span class=\"hide\" itemprop=\"image\" itemscope itemtype=\"http:\/\/schema.org\/ImageObject\">\n\t\t\t<meta itemprop=\"url\" content=\"https:\/\/www.psib-psoe.org\/mallorca\/wp-content\/uploads\/Jornada-de-Feina-Socialista-1.jpg\">\n\t\t\t<meta itemprop=\"width\" content=\"4032\">\n\t\t\t<meta itemprop=\"height\" content=\"3024\">\n\t\t<\/span>\n\t\t\t\t<meta itemscope itemprop=\"mainEntityOfPage\" itemtype=\"https:\/\/schema.org\/WebPage\" itemid=\"https:\/\/www.psib-psoe.org\/mallorca\/els-socialistes-de-mallorca-organitzen-una-trobada-de-feina-per-encarar-el-projecte-socialista-per-al-proxim-any-amb-la-mira-posada-a-les-eleccions-del-2023\/\">\n\t<\/aside>\n\t\t<\/article>\n<\/div>\n<div class=\"small-12 large-4 columns\">\n\t<article itemscope itemtype=\"http:\/\/schema.org\/Article\" class=\"post blog-style7 alt post-26581 type-post status-publish format-standard has-post-thumbnail hentry category-federacio-de-mallorca category-municipis category-portada tag-federacio-socialista-de-mallorca\" role=\"article\">\n\t\t<figure class=\"post-gallery\"><img loading=\"lazy\" decoding=\"async\" width=\"600\" height=\"400\" src=\"https:\/\/www.psib-psoe.org\/mallorca\/wp-content\/uploads\/WhatsApp-Image-2022-02-19-at-18.41.32-600x400.jpeg\" class=\"attachment-notio-general-x2 size-notio-general-x2 wp-post-image\" alt=\"\" srcset=\"https:\/\/www.psib-psoe.org\/mallorca\/wp-content\/uploads\/WhatsApp-Image-2022-02-19-at-18.41.32-600x400.jpeg 600w, https:\/\/www.psib-psoe.org\/mallorca\/wp-content\/uploads\/WhatsApp-Image-2022-02-19-at-18.41.32-300x200.jpeg 300w, https:\/\/www.psib-psoe.org\/mallorca\/wp-content\/uploads\/WhatsApp-Image-2022-02-19-at-18.41.32-768x511.jpeg 768w, https:\/\/www.psib-psoe.org\/mallorca\/wp-content\/uploads\/WhatsApp-Image-2022-02-19-at-18.41.32-1024x681.jpeg 1024w, https:\/\/www.psib-psoe.org\/mallorca\/wp-content\/uploads\/WhatsApp-Image-2022-02-19-at-18.41.32-150x100.jpeg 150w, https:\/\/www.psib-psoe.org\/mallorca\/wp-content\/uploads\/WhatsApp-Image-2022-02-19-at-18.41.32-900x600.jpeg 900w, https:\/\/www.psib-psoe.org\/mallorca\/wp-content\/uploads\/WhatsApp-Image-2022-02-19-at-18.41.32-20x13.jpeg 20w, https:\/\/www.psib-psoe.org\/mallorca\/wp-content\/uploads\/WhatsApp-Image-2022-02-19-at-18.41.32.jpeg 2048w\" sizes=\"(max-width: 600px) 100vw, 600px\" \/><\/figure>\n\t\t<div class=\"blog-top\">\n\t\t\t<header class=\"post-title entry-header\">\n\t\t\t\t<aside class=\"post-meta cf\">\n\t\t19\/02\/2022 \/ <a href=\"https:\/\/www.psib-psoe.org\/mallorca\/category\/federacio-de-mallorca\/\" rel=\"category tag\">Federaci\u00f3 de Mallorca<\/a>, <a href=\"https:\/\/www.psib-psoe.org\/mallorca\/category\/municipis\/\" rel=\"category tag\">Municipis<\/a>, <a href=\"https:\/\/www.psib-psoe.org\/mallorca\/category\/portada\/\" rel=\"category tag\">Portada<\/a><\/aside>\n\t\t\t\t<h3 itemprop=\"headline\"><a href=\"https:\/\/www.psib-psoe.org\/mallorca\/la-nueva-comision-ejecutiva-del-psoe-palma-encabezada-por-jose-hila-elegida-con-el-97-de-los-votos\/\" title=\"La nueva Comisi\u00f3n Ejecutiva del PSOE Palma, encabezada por Jose Hila, elegida con el 97% de los votos\">La nueva Comisi\u00f3n Ejecutiva del PSOE Palma, encabezada por Jose Hila, elegida con el 97% de los votos<\/a><\/h3>\n\t\t\t<\/header>\n\t\t<\/div>\n\t\t<div class=\"post-content\">\n\t\t\t<a href=\"https:\/\/www.psib-psoe.org\/mallorca\/la-nueva-comision-ejecutiva-del-psoe-palma-encabezada-por-jose-hila-elegida-con-el-97-de-los-votos\/\" class=\"more-link\">Read More<\/a>\n\t\t<\/div>\n\t\t\t<aside class=\"post-bottom-meta hide\">\n\t\t<strong rel=\"author\" itemprop=\"author\" class=\"author vcard\"><span class=\"fn\">adminpsib<\/span><\/strong>\n\t\t<time class=\"date published time\" datetime=\"2022-02-19T21:54:31+02:00\" itemprop=\"datePublished\" content=\"2022-02-19T21:54:31+02:00\">19\/02\/2022<\/time>\n\t\t<meta itemprop=\"dateModified\" class=\"date updated\" content=\"2022-02-19T19:58:40+02:00\">\n\t\t<span class=\"hide\" itemprop=\"publisher\" itemscope itemtype=\"https:\/\/schema.org\/Organization\">\n\t\t\t<meta itemprop=\"name\" content=\"SocialistesdMca\">\n\t\t\t<span itemprop=\"logo\" itemscope itemtype=\"https:\/\/schema.org\/ImageObject\">\n\t\t\t\t<meta itemprop=\"url\" content=\"https:\/\/www.psib-psoe.org\/mallorca\/wp-content\/themes\/notio-wp\/assets\/img\/logo.png\">\n\t\t\t<\/span>\n\t\t\t<meta itemprop=\"url\" content=\"https:\/\/www.psib-psoe.org\/mallorca\/\">\n\t\t<\/span>\n\t\t\t\t<span class=\"hide\" itemprop=\"image\" itemscope itemtype=\"http:\/\/schema.org\/ImageObject\">\n\t\t\t<meta itemprop=\"url\" content=\"https:\/\/www.psib-psoe.org\/mallorca\/wp-content\/uploads\/WhatsApp-Image-2022-02-19-at-18.41.32.jpeg\">\n\t\t\t<meta itemprop=\"width\" content=\"2048\">\n\t\t\t<meta itemprop=\"height\" content=\"1362\">\n\t\t<\/span>\n\t\t\t\t<meta itemscope itemprop=\"mainEntityOfPage\" itemtype=\"https:\/\/schema.org\/WebPage\" itemid=\"https:\/\/www.psib-psoe.org\/mallorca\/la-nueva-comision-ejecutiva-del-psoe-palma-encabezada-por-jose-hila-elegida-con-el-97-de-los-votos\/\">\n\t<\/aside>\n\t\t<\/article>\n<\/div>\n<div class=\"small-12 large-4 columns\">\n\t<article itemscope itemtype=\"http:\/\/schema.org\/Article\" class=\"post blog-style7 alt post-26528 type-post status-publish format-standard has-post-thumbnail hentry category-federacio-de-mallorca category-municipis\" role=\"article\">\n\t\t<figure class=\"post-gallery\"><img loading=\"lazy\" decoding=\"async\" width=\"600\" height=\"400\" src=\"https:\/\/www.psib-psoe.org\/mallorca\/wp-content\/uploads\/20220206_ASSEMBLEA-SON-SERVERA-600x400.jpeg\" class=\"attachment-notio-general-x2 size-notio-general-x2 wp-post-image\" alt=\"\" srcset=\"https:\/\/www.psib-psoe.org\/mallorca\/wp-content\/uploads\/20220206_ASSEMBLEA-SON-SERVERA-600x400.jpeg 600w, https:\/\/www.psib-psoe.org\/mallorca\/wp-content\/uploads\/20220206_ASSEMBLEA-SON-SERVERA-300x200.jpeg 300w, https:\/\/www.psib-psoe.org\/mallorca\/wp-content\/uploads\/20220206_ASSEMBLEA-SON-SERVERA-900x600.jpeg 900w, https:\/\/www.psib-psoe.org\/mallorca\/wp-content\/uploads\/20220206_ASSEMBLEA-SON-SERVERA-20x13.jpeg 20w\" sizes=\"(max-width: 600px) 100vw, 600px\" \/><\/figure>\n\t\t<div class=\"blog-top\">\n\t\t\t<header class=\"post-title entry-header\">\n\t\t\t\t<aside class=\"post-meta cf\">\n\t\t06\/02\/2022 \/ <a href=\"https:\/\/www.psib-psoe.org\/mallorca\/category\/federacio-de-mallorca\/\" rel=\"category tag\">Federaci\u00f3 de Mallorca<\/a>, <a href=\"https:\/\/www.psib-psoe.org\/mallorca\/category\/municipis\/\" rel=\"category tag\">Municipis<\/a><\/aside>\n\t\t\t\t<h3 itemprop=\"headline\"><a href=\"https:\/\/www.psib-psoe.org\/mallorca\/remedios-canadas-nova-secretaria-general-socialistes-son-servera\/\" title=\"Remedios Ca\u00f1adas, elegida nova Secret\u00e0ria General dels Socialistes de Son Servera, es marca com a fita revalidar el govern municipal el 2023\">Remedios Ca\u00f1adas, elegida nova Secret\u00e0ria General dels Socialistes de Son Servera, es marca com a fita revalidar el govern municipal el 2023<\/a><\/h3>\n\t\t\t<\/header>\n\t\t<\/div>\n\t\t<div class=\"post-content\">\n\t\t\t<a href=\"https:\/\/www.psib-psoe.org\/mallorca\/remedios-canadas-nova-secretaria-general-socialistes-son-servera\/\" class=\"more-link\">Read More<\/a>\n\t\t<\/div>\n\t\t\t<aside class=\"post-bottom-meta hide\">\n\t\t<strong rel=\"author\" itemprop=\"author\" class=\"author vcard\"><span class=\"fn\">Albert<\/span><\/strong>\n\t\t<time class=\"date published time\" datetime=\"2022-02-06T12:05:45+02:00\" itemprop=\"datePublished\" content=\"2022-02-06T12:05:45+02:00\">06\/02\/2022<\/time>\n\t\t<meta itemprop=\"dateModified\" class=\"date updated\" content=\"2022-02-06T12:05:45+02:00\">\n\t\t<span class=\"hide\" itemprop=\"publisher\" itemscope itemtype=\"https:\/\/schema.org\/Organization\">\n\t\t\t<meta itemprop=\"name\" content=\"SocialistesdMca\">\n\t\t\t<span itemprop=\"logo\" itemscope itemtype=\"https:\/\/schema.org\/ImageObject\">\n\t\t\t\t<meta itemprop=\"url\" content=\"https:\/\/www.psib-psoe.org\/mallorca\/wp-content\/themes\/notio-wp\/assets\/img\/logo.png\">\n\t\t\t<\/span>\n\t\t\t<meta itemprop=\"url\" content=\"https:\/\/www.psib-psoe.org\/mallorca\/\">\n\t\t<\/span>\n\t\t\t\t<span class=\"hide\" itemprop=\"image\" itemscope itemtype=\"http:\/\/schema.org\/ImageObject\">\n\t\t\t<meta itemprop=\"url\" content=\"https:\/\/www.psib-psoe.org\/mallorca\/wp-content\/uploads\/20220206_ASSEMBLEA-SON-SERVERA.jpeg\">\n\t\t\t<meta itemprop=\"width\" content=\"1420\">\n\t\t\t<meta itemprop=\"height\" content=\"640\">\n\t\t<\/span>\n\t\t\t\t<meta itemscope itemprop=\"mainEntityOfPage\" itemtype=\"https:\/\/schema.org\/WebPage\" itemid=\"https:\/\/www.psib-psoe.org\/mallorca\/remedios-canadas-nova-secretaria-general-socialistes-son-servera\/\">\n\t<\/aside>\n\t\t<\/article>\n<\/div>\n<div class=\"small-12 large-4 columns\">\n\t<article itemscope itemtype=\"http:\/\/schema.org\/Article\" class=\"post blog-style7 alt post-26524 type-post status-publish format-standard has-post-thumbnail hentry category-federacio-de-mallorca category-municipis category-portada\" role=\"article\">\n\t\t<figure class=\"post-gallery\"><img loading=\"lazy\" decoding=\"async\" width=\"600\" height=\"400\" src=\"https:\/\/www.psib-psoe.org\/mallorca\/wp-content\/uploads\/20220205_ASSEMBLEA-MANACOR-CLADERA-HINOJOSA-600x400.jpeg\" class=\"attachment-notio-general-x2 size-notio-general-x2 wp-post-image\" alt=\"\" srcset=\"https:\/\/www.psib-psoe.org\/mallorca\/wp-content\/uploads\/20220205_ASSEMBLEA-MANACOR-CLADERA-HINOJOSA-600x400.jpeg 600w, https:\/\/www.psib-psoe.org\/mallorca\/wp-content\/uploads\/20220205_ASSEMBLEA-MANACOR-CLADERA-HINOJOSA-300x200.jpeg 300w, https:\/\/www.psib-psoe.org\/mallorca\/wp-content\/uploads\/20220205_ASSEMBLEA-MANACOR-CLADERA-HINOJOSA-768x512.jpeg 768w, https:\/\/www.psib-psoe.org\/mallorca\/wp-content\/uploads\/20220205_ASSEMBLEA-MANACOR-CLADERA-HINOJOSA-1024x683.jpeg 1024w, https:\/\/www.psib-psoe.org\/mallorca\/wp-content\/uploads\/20220205_ASSEMBLEA-MANACOR-CLADERA-HINOJOSA-150x100.jpeg 150w, https:\/\/www.psib-psoe.org\/mallorca\/wp-content\/uploads\/20220205_ASSEMBLEA-MANACOR-CLADERA-HINOJOSA-900x600.jpeg 900w, https:\/\/www.psib-psoe.org\/mallorca\/wp-content\/uploads\/20220205_ASSEMBLEA-MANACOR-CLADERA-HINOJOSA-20x13.jpeg 20w\" sizes=\"(max-width: 600px) 100vw, 600px\" \/><\/figure>\n\t\t<div class=\"blog-top\">\n\t\t\t<header class=\"post-title entry-header\">\n\t\t\t\t<aside class=\"post-meta cf\">\n\t\t05\/02\/2022 \/ <a href=\"https:\/\/www.psib-psoe.org\/mallorca\/category\/federacio-de-mallorca\/\" rel=\"category tag\">Federaci\u00f3 de Mallorca<\/a>, <a href=\"https:\/\/www.psib-psoe.org\/mallorca\/category\/municipis\/\" rel=\"category tag\">Municipis<\/a>, <a href=\"https:\/\/www.psib-psoe.org\/mallorca\/category\/portada\/\" rel=\"category tag\">Portada<\/a><\/aside>\n\t\t\t\t<h3 itemprop=\"headline\"><a href=\"https:\/\/www.psib-psoe.org\/mallorca\/hinojosa-revalida-secretaria-general-socialistes-manacor-objectiu-batlia-2023\/\" title=\"N\u00faria Hinojosa revalida el c\u00e0rrec de Secret\u00e0ria General dels Socialistes de Manacor amb l\u2019objectiu d\u2019assolir la batlia el 2023\">N\u00faria Hinojosa revalida el c\u00e0rrec de Secret\u00e0ria General dels Socialistes de Manacor amb l\u2019objectiu d\u2019assolir la batlia el 2023<\/a><\/h3>\n\t\t\t<\/header>\n\t\t<\/div>\n\t\t<div class=\"post-content\">\n\t\t\t<a href=\"https:\/\/www.psib-psoe.org\/mallorca\/hinojosa-revalida-secretaria-general-socialistes-manacor-objectiu-batlia-2023\/\" class=\"more-link\">Read More<\/a>\n\t\t<\/div>\n\t\t\t<aside class=\"post-bottom-meta hide\">\n\t\t<strong rel=\"author\" itemprop=\"author\" class=\"author vcard\"><span class=\"fn\">Albert<\/span><\/strong>\n\t\t<time class=\"date published time\" datetime=\"2022-02-05T16:51:03+02:00\" itemprop=\"datePublished\" content=\"2022-02-05T16:51:03+02:00\">05\/02\/2022<\/time>\n\t\t<meta itemprop=\"dateModified\" class=\"date updated\" content=\"2022-02-05T16:51:42+02:00\">\n\t\t<span class=\"hide\" itemprop=\"publisher\" itemscope itemtype=\"https:\/\/schema.org\/Organization\">\n\t\t\t<meta itemprop=\"name\" content=\"SocialistesdMca\">\n\t\t\t<span itemprop=\"logo\" itemscope itemtype=\"https:\/\/schema.org\/ImageObject\">\n\t\t\t\t<meta itemprop=\"url\" content=\"https:\/\/www.psib-psoe.org\/mallorca\/wp-content\/themes\/notio-wp\/assets\/img\/logo.png\">\n\t\t\t<\/span>\n\t\t\t<meta itemprop=\"url\" content=\"https:\/\/www.psib-psoe.org\/mallorca\/\">\n\t\t<\/span>\n\t\t\t\t<span class=\"hide\" itemprop=\"image\" itemscope itemtype=\"http:\/\/schema.org\/ImageObject\">\n\t\t\t<meta itemprop=\"url\" content=\"https:\/\/www.psib-psoe.org\/mallorca\/wp-content\/uploads\/20220205_ASSEMBLEA-MANACOR-CLADERA-HINOJOSA.jpeg\">\n\t\t\t<meta itemprop=\"width\" content=\"3667\">\n\t\t\t<meta itemprop=\"height\" content=\"2445\">\n\t\t<\/span>\n\t\t\t\t<meta itemscope itemprop=\"mainEntityOfPage\" itemtype=\"https:\/\/schema.org\/WebPage\" itemid=\"https:\/\/www.psib-psoe.org\/mallorca\/hinojosa-revalida-secretaria-general-socialistes-manacor-objectiu-batlia-2023\/\">\n\t<\/aside>\n\t\t<\/article>\n<\/div>\n<div class=\"small-12 large-4 columns\">\n\t<article itemscope itemtype=\"http:\/\/schema.org\/Article\" class=\"post blog-style7 alt post-26520 type-post status-publish format-standard has-post-thumbnail hentry category-federacio-de-mallorca category-municipis category-portada tag-sa-pobla tag-xesca-mir\" role=\"article\">\n\t\t<figure class=\"post-gallery\"><img loading=\"lazy\" decoding=\"async\" width=\"600\" height=\"400\" src=\"https:\/\/www.psib-psoe.org\/mallorca\/wp-content\/uploads\/Xesca-Mir-Sa-Pobla-2-600x400.jpeg\" class=\"attachment-notio-general-x2 size-notio-general-x2 wp-post-image\" alt=\"\" srcset=\"https:\/\/www.psib-psoe.org\/mallorca\/wp-content\/uploads\/Xesca-Mir-Sa-Pobla-2-600x400.jpeg 600w, https:\/\/www.psib-psoe.org\/mallorca\/wp-content\/uploads\/Xesca-Mir-Sa-Pobla-2-300x200.jpeg 300w, https:\/\/www.psib-psoe.org\/mallorca\/wp-content\/uploads\/Xesca-Mir-Sa-Pobla-2-768x512.jpeg 768w, https:\/\/www.psib-psoe.org\/mallorca\/wp-content\/uploads\/Xesca-Mir-Sa-Pobla-2-1024x682.jpeg 1024w, https:\/\/www.psib-psoe.org\/mallorca\/wp-content\/uploads\/Xesca-Mir-Sa-Pobla-2-150x100.jpeg 150w, https:\/\/www.psib-psoe.org\/mallorca\/wp-content\/uploads\/Xesca-Mir-Sa-Pobla-2-900x600.jpeg 900w, https:\/\/www.psib-psoe.org\/mallorca\/wp-content\/uploads\/Xesca-Mir-Sa-Pobla-2-20x13.jpeg 20w, https:\/\/www.psib-psoe.org\/mallorca\/wp-content\/uploads\/Xesca-Mir-Sa-Pobla-2.jpeg 1600w\" sizes=\"(max-width: 600px) 100vw, 600px\" \/><\/figure>\n\t\t<div class=\"blog-top\">\n\t\t\t<header class=\"post-title entry-header\">\n\t\t\t\t<aside class=\"post-meta cf\">\n\t\t04\/02\/2022 \/ <a href=\"https:\/\/www.psib-psoe.org\/mallorca\/category\/federacio-de-mallorca\/\" rel=\"category tag\">Federaci\u00f3 de Mallorca<\/a>, <a href=\"https:\/\/www.psib-psoe.org\/mallorca\/category\/municipis\/\" rel=\"category tag\">Municipis<\/a>, <a href=\"https:\/\/www.psib-psoe.org\/mallorca\/category\/portada\/\" rel=\"category tag\">Portada<\/a><\/aside>\n\t\t\t\t<h3 itemprop=\"headline\"><a href=\"https:\/\/www.psib-psoe.org\/mallorca\/els-socialistes-de-sa-pobla-a-favor-de-retirar-la-modificacio-puntual-del-planejament-urbanistic-sobre-les-zones-industrials\/\" title=\"Els Socialistes de Sa Pobla, a favor de retirar la modificaci\u00f3 puntual del Planejament Urban\u00edstic sobre les zones industrials\">Els Socialistes de Sa Pobla, a favor de retirar la modificaci\u00f3 puntual del Planejament Urban\u00edstic sobre les zones industrials<\/a><\/h3>\n\t\t\t<\/header>\n\t\t<\/div>\n\t\t<div class=\"post-content\">\n\t\t\t<a href=\"https:\/\/www.psib-psoe.org\/mallorca\/els-socialistes-de-sa-pobla-a-favor-de-retirar-la-modificacio-puntual-del-planejament-urbanistic-sobre-les-zones-industrials\/\" class=\"more-link\">Read More<\/a>\n\t\t<\/div>\n\t\t\t<aside class=\"post-bottom-meta hide\">\n\t\t<strong rel=\"author\" itemprop=\"author\" class=\"author vcard\"><span class=\"fn\">Marc<\/span><\/strong>\n\t\t<time class=\"date published time\" datetime=\"2022-02-04T11:10:11+02:00\" itemprop=\"datePublished\" content=\"2022-02-04T11:10:11+02:00\">04\/02\/2022<\/time>\n\t\t<meta itemprop=\"dateModified\" class=\"date updated\" content=\"2022-02-04T11:10:11+02:00\">\n\t\t<span class=\"hide\" itemprop=\"publisher\" itemscope itemtype=\"https:\/\/schema.org\/Organization\">\n\t\t\t<meta itemprop=\"name\" content=\"SocialistesdMca\">\n\t\t\t<span itemprop=\"logo\" itemscope itemtype=\"https:\/\/schema.org\/ImageObject\">\n\t\t\t\t<meta itemprop=\"url\" content=\"https:\/\/www.psib-psoe.org\/mallorca\/wp-content\/themes\/notio-wp\/assets\/img\/logo.png\">\n\t\t\t<\/span>\n\t\t\t<meta itemprop=\"url\" content=\"https:\/\/www.psib-psoe.org\/mallorca\/\">\n\t\t<\/span>\n\t\t\t\t<span class=\"hide\" itemprop=\"image\" itemscope itemtype=\"http:\/\/schema.org\/ImageObject\">\n\t\t\t<meta itemprop=\"url\" content=\"https:\/\/www.psib-psoe.org\/mallorca\/wp-content\/uploads\/Xesca-Mir-Sa-Pobla-2.jpeg\">\n\t\t\t<meta itemprop=\"width\" content=\"1600\">\n\t\t\t<meta itemprop=\"height\" content=\"1066\">\n\t\t<\/span>\n\t\t\t\t<meta itemscope itemprop=\"mainEntityOfPage\" itemtype=\"https:\/\/schema.org\/WebPage\" itemid=\"https:\/\/www.psib-psoe.org\/mallorca\/els-socialistes-de-sa-pobla-a-favor-de-retirar-la-modificacio-puntual-del-planejament-urbanistic-sobre-les-zones-industrials\/\">\n\t<\/aside>\n\t\t<\/article>\n<\/div>\n<div class=\"small-12 large-4 columns\">\n\t<article itemscope itemtype=\"http:\/\/schema.org\/Article\" class=\"post blog-style7 alt post-26517 type-post status-publish format-standard has-post-thumbnail hentry category-federacio-de-mallorca category-municipis category-portada tag-fornalutx tag-fsm tag-socialistes-de-mallorca\" role=\"article\">\n\t\t<figure class=\"post-gallery\"><img loading=\"lazy\" decoding=\"async\" width=\"600\" height=\"400\" src=\"https:\/\/www.psib-psoe.org\/mallorca\/wp-content\/uploads\/Fonarlutx-assemblea-600x400.jpeg\" class=\"attachment-notio-general-x2 size-notio-general-x2 wp-post-image\" alt=\"\" srcset=\"https:\/\/www.psib-psoe.org\/mallorca\/wp-content\/uploads\/Fonarlutx-assemblea-600x400.jpeg 600w, https:\/\/www.psib-psoe.org\/mallorca\/wp-content\/uploads\/Fonarlutx-assemblea-300x200.jpeg 300w, https:\/\/www.psib-psoe.org\/mallorca\/wp-content\/uploads\/Fonarlutx-assemblea-900x600.jpeg 900w, https:\/\/www.psib-psoe.org\/mallorca\/wp-content\/uploads\/Fonarlutx-assemblea-20x13.jpeg 20w\" sizes=\"(max-width: 600px) 100vw, 600px\" \/><\/figure>\n\t\t<div class=\"blog-top\">\n\t\t\t<header class=\"post-title entry-header\">\n\t\t\t\t<aside class=\"post-meta cf\">\n\t\t03\/02\/2022 \/ <a href=\"https:\/\/www.psib-psoe.org\/mallorca\/category\/federacio-de-mallorca\/\" rel=\"category tag\">Federaci\u00f3 de Mallorca<\/a>, <a href=\"https:\/\/www.psib-psoe.org\/mallorca\/category\/municipis\/\" rel=\"category tag\">Municipis<\/a>, <a href=\"https:\/\/www.psib-psoe.org\/mallorca\/category\/portada\/\" rel=\"category tag\">Portada<\/a><\/aside>\n\t\t\t\t<h3 itemprop=\"headline\"><a href=\"https:\/\/www.psib-psoe.org\/mallorca\/domingo-moragues-elegit-nou-secretari-general-dels-socialistes-de-fornalutx\/\" title=\"Domingo Moragues elegit nou Secretari General dels Socialistes de Fornalutx\">Domingo Moragues elegit nou Secretari General dels Socialistes de Fornalutx<\/a><\/h3>\n\t\t\t<\/header>\n\t\t<\/div>\n\t\t<div class=\"post-content\">\n\t\t\t<a href=\"https:\/\/www.psib-psoe.org\/mallorca\/domingo-moragues-elegit-nou-secretari-general-dels-socialistes-de-fornalutx\/\" class=\"more-link\">Read More<\/a>\n\t\t<\/div>\n\t\t\t<aside class=\"post-bottom-meta hide\">\n\t\t<strong rel=\"author\" itemprop=\"author\" class=\"author vcard\"><span class=\"fn\">Marc<\/span><\/strong>\n\t\t<time class=\"date published time\" datetime=\"2022-02-03T12:51:36+02:00\" itemprop=\"datePublished\" content=\"2022-02-03T12:51:36+02:00\">03\/02\/2022<\/time>\n\t\t<meta itemprop=\"dateModified\" class=\"date updated\" content=\"2022-02-03T12:51:36+02:00\">\n\t\t<span class=\"hide\" itemprop=\"publisher\" itemscope itemtype=\"https:\/\/schema.org\/Organization\">\n\t\t\t<meta itemprop=\"name\" content=\"SocialistesdMca\">\n\t\t\t<span itemprop=\"logo\" itemscope itemtype=\"https:\/\/schema.org\/ImageObject\">\n\t\t\t\t<meta itemprop=\"url\" content=\"https:\/\/www.psib-psoe.org\/mallorca\/wp-content\/themes\/notio-wp\/assets\/img\/logo.png\">\n\t\t\t<\/span>\n\t\t\t<meta itemprop=\"url\" content=\"https:\/\/www.psib-psoe.org\/mallorca\/\">\n\t\t<\/span>\n\t\t\t\t<span class=\"hide\" itemprop=\"image\" itemscope itemtype=\"http:\/\/schema.org\/ImageObject\">\n\t\t\t<meta itemprop=\"url\" content=\"https:\/\/www.psib-psoe.org\/mallorca\/wp-content\/uploads\/Fonarlutx-assemblea.jpeg\">\n\t\t\t<meta itemprop=\"width\" content=\"1024\">\n\t\t\t<meta itemprop=\"height\" content=\"768\">\n\t\t<\/span>\n\t\t\t\t<meta itemscope itemprop=\"mainEntityOfPage\" itemtype=\"https:\/\/schema.org\/WebPage\" itemid=\"https:\/\/www.psib-psoe.org\/mallorca\/domingo-moragues-elegit-nou-secretari-general-dels-socialistes-de-fornalutx\/\">\n\t<\/aside>\n\t\t<\/article>\n<\/div>\n<div class=\"small-12 large-4 columns\">\n\t<article itemscope itemtype=\"http:\/\/schema.org\/Article\" class=\"post blog-style7 alt post-26513 type-post status-publish format-standard has-post-thumbnail hentry category-federacio-de-mallorca category-municipis category-portada\" role=\"article\">\n\t\t<figure class=\"post-gallery\"><img loading=\"lazy\" decoding=\"async\" width=\"600\" height=\"400\" src=\"https:\/\/www.psib-psoe.org\/mallorca\/wp-content\/uploads\/Campanet-assemblea-600x400.jpeg\" class=\"attachment-notio-general-x2 size-notio-general-x2 wp-post-image\" alt=\"\" srcset=\"https:\/\/www.psib-psoe.org\/mallorca\/wp-content\/uploads\/Campanet-assemblea-600x400.jpeg 600w, https:\/\/www.psib-psoe.org\/mallorca\/wp-content\/uploads\/Campanet-assemblea-300x200.jpeg 300w, https:\/\/www.psib-psoe.org\/mallorca\/wp-content\/uploads\/Campanet-assemblea-900x600.jpeg 900w, https:\/\/www.psib-psoe.org\/mallorca\/wp-content\/uploads\/Campanet-assemblea-20x13.jpeg 20w\" sizes=\"(max-width: 600px) 100vw, 600px\" \/><\/figure>\n\t\t<div class=\"blog-top\">\n\t\t\t<header class=\"post-title entry-header\">\n\t\t\t\t<aside class=\"post-meta cf\">\n\t\t02\/02\/2022 \/ <a href=\"https:\/\/www.psib-psoe.org\/mallorca\/category\/federacio-de-mallorca\/\" rel=\"category tag\">Federaci\u00f3 de Mallorca<\/a>, <a href=\"https:\/\/www.psib-psoe.org\/mallorca\/category\/municipis\/\" rel=\"category tag\">Municipis<\/a>, <a href=\"https:\/\/www.psib-psoe.org\/mallorca\/category\/portada\/\" rel=\"category tag\">Portada<\/a><\/aside>\n\t\t\t\t<h3 itemprop=\"headline\"><a href=\"https:\/\/www.psib-psoe.org\/mallorca\/rosa-bestard-continua-al-front-dels-socialistes-de-campanet\/\" title=\"Rosa Bestard continua al front dels Socialistes de Campanet\">Rosa Bestard continua al front dels Socialistes de Campanet<\/a><\/h3>\n\t\t\t<\/header>\n\t\t<\/div>\n\t\t<div class=\"post-content\">\n\t\t\t<a href=\"https:\/\/www.psib-psoe.org\/mallorca\/rosa-bestard-continua-al-front-dels-socialistes-de-campanet\/\" class=\"more-link\">Read More<\/a>\n\t\t<\/div>\n\t\t\t<aside class=\"post-bottom-meta hide\">\n\t\t<strong rel=\"author\" itemprop=\"author\" class=\"author vcard\"><span class=\"fn\">Marc<\/span><\/strong>\n\t\t<time class=\"date published time\" datetime=\"2022-02-02T11:09:50+02:00\" itemprop=\"datePublished\" content=\"2022-02-02T11:09:50+02:00\">02\/02\/2022<\/time>\n\t\t<meta itemprop=\"dateModified\" class=\"date updated\" content=\"2022-02-02T12:15:44+02:00\">\n\t\t<span class=\"hide\" itemprop=\"publisher\" itemscope itemtype=\"https:\/\/schema.org\/Organization\">\n\t\t\t<meta itemprop=\"name\" content=\"SocialistesdMca\">\n\t\t\t<span itemprop=\"logo\" itemscope itemtype=\"https:\/\/schema.org\/ImageObject\">\n\t\t\t\t<meta itemprop=\"url\" content=\"https:\/\/www.psib-psoe.org\/mallorca\/wp-content\/themes\/notio-wp\/assets\/img\/logo.png\">\n\t\t\t<\/span>\n\t\t\t<meta itemprop=\"url\" content=\"https:\/\/www.psib-psoe.org\/mallorca\/\">\n\t\t<\/span>\n\t\t\t\t<span class=\"hide\" itemprop=\"image\" itemscope itemtype=\"http:\/\/schema.org\/ImageObject\">\n\t\t\t<meta itemprop=\"url\" content=\"https:\/\/www.psib-psoe.org\/mallorca\/wp-content\/uploads\/Campanet-assemblea.jpeg\">\n\t\t\t<meta itemprop=\"width\" content=\"1600\">\n\t\t\t<meta itemprop=\"height\" content=\"1200\">\n\t\t<\/span>\n\t\t\t\t<meta itemscope itemprop=\"mainEntityOfPage\" itemtype=\"https:\/\/schema.org\/WebPage\" itemid=\"https:\/\/www.psib-psoe.org\/mallorca\/rosa-bestard-continua-al-front-dels-socialistes-de-campanet\/\">\n\t<\/aside>\n\t\t<\/article>\n<\/div>\n<div class=\"small-12 large-4 columns\">\n\t<article itemscope itemtype=\"http:\/\/schema.org\/Article\" class=\"post blog-style7 alt post-26510 type-post status-publish format-standard has-post-thumbnail hentry category-federacio-de-mallorca category-municipis category-portada tag-felanitx tag-xisco-duarte\" role=\"article\">\n\t\t<figure class=\"post-gallery\"><img loading=\"lazy\" decoding=\"async\" width=\"600\" height=\"400\" src=\"https:\/\/www.psib-psoe.org\/mallorca\/wp-content\/uploads\/Plaques-fotovoltaiques-Felanitx-600x400.jpeg\" class=\"attachment-notio-general-x2 size-notio-general-x2 wp-post-image\" alt=\"\" srcset=\"https:\/\/www.psib-psoe.org\/mallorca\/wp-content\/uploads\/Plaques-fotovoltaiques-Felanitx-600x400.jpeg 600w, https:\/\/www.psib-psoe.org\/mallorca\/wp-content\/uploads\/Plaques-fotovoltaiques-Felanitx-300x200.jpeg 300w, https:\/\/www.psib-psoe.org\/mallorca\/wp-content\/uploads\/Plaques-fotovoltaiques-Felanitx-900x600.jpeg 900w, https:\/\/www.psib-psoe.org\/mallorca\/wp-content\/uploads\/Plaques-fotovoltaiques-Felanitx-20x13.jpeg 20w\" sizes=\"(max-width: 600px) 100vw, 600px\" \/><\/figure>\n\t\t<div class=\"blog-top\">\n\t\t\t<header class=\"post-title entry-header\">\n\t\t\t\t<aside class=\"post-meta cf\">\n\t\t01\/02\/2022 \/ <a href=\"https:\/\/www.psib-psoe.org\/mallorca\/category\/federacio-de-mallorca\/\" rel=\"category tag\">Federaci\u00f3 de Mallorca<\/a>, <a href=\"https:\/\/www.psib-psoe.org\/mallorca\/category\/municipis\/\" rel=\"category tag\">Municipis<\/a>, <a href=\"https:\/\/www.psib-psoe.org\/mallorca\/category\/portada\/\" rel=\"category tag\">Portada<\/a><\/aside>\n\t\t\t\t<h3 itemprop=\"headline\"><a href=\"https:\/\/www.psib-psoe.org\/mallorca\/els-socialistes-de-felanitx-denuncien-la-mala-gestio-de-lequip-de-govern-al-perdre-la-subvencio-de-176-800-euros-per-punts-de-recarrega-i-pergoles-fotovoltaiques\/\" title=\"Els Socialistes de Felanitx denuncien la mala gesti\u00f3 de l&#8217;equip de govern al perdre la subvenci\u00f3 de 176.800 euros per punts de rec\u00e0rrega i p\u00e8rgoles fotovoltaiques\">Els Socialistes de Felanitx denuncien la mala gesti\u00f3 de l&#8217;equip de govern al perdre la subvenci\u00f3 de 176.800 euros per punts de rec\u00e0rrega i p\u00e8rgoles fotovoltaiques<\/a><\/h3>\n\t\t\t<\/header>\n\t\t<\/div>\n\t\t<div class=\"post-content\">\n\t\t\t<a href=\"https:\/\/www.psib-psoe.org\/mallorca\/els-socialistes-de-felanitx-denuncien-la-mala-gestio-de-lequip-de-govern-al-perdre-la-subvencio-de-176-800-euros-per-punts-de-recarrega-i-pergoles-fotovoltaiques\/\" class=\"more-link\">Read More<\/a>\n\t\t<\/div>\n\t\t\t<aside class=\"post-bottom-meta hide\">\n\t\t<strong rel=\"author\" itemprop=\"author\" class=\"author vcard\"><span class=\"fn\">Marc<\/span><\/strong>\n\t\t<time class=\"date published time\" datetime=\"2022-02-01T11:07:37+02:00\" itemprop=\"datePublished\" content=\"2022-02-01T11:07:37+02:00\">01\/02\/2022<\/time>\n\t\t<meta itemprop=\"dateModified\" class=\"date updated\" content=\"2022-02-01T11:07:37+02:00\">\n\t\t<span class=\"hide\" itemprop=\"publisher\" itemscope itemtype=\"https:\/\/schema.org\/Organization\">\n\t\t\t<meta itemprop=\"name\" content=\"SocialistesdMca\">\n\t\t\t<span itemprop=\"logo\" itemscope itemtype=\"https:\/\/schema.org\/ImageObject\">\n\t\t\t\t<meta itemprop=\"url\" content=\"https:\/\/www.psib-psoe.org\/mallorca\/wp-content\/themes\/notio-wp\/assets\/img\/logo.png\">\n\t\t\t<\/span>\n\t\t\t<meta itemprop=\"url\" content=\"https:\/\/www.psib-psoe.org\/mallorca\/\">\n\t\t<\/span>\n\t\t\t\t<span class=\"hide\" itemprop=\"image\" itemscope itemtype=\"http:\/\/schema.org\/ImageObject\">\n\t\t\t<meta itemprop=\"url\" content=\"https:\/\/www.psib-psoe.org\/mallorca\/wp-content\/uploads\/Plaques-fotovoltaiques-Felanitx.jpeg\">\n\t\t\t<meta itemprop=\"width\" content=\"2048\">\n\t\t\t<meta itemprop=\"height\" content=\"1152\">\n\t\t<\/span>\n\t\t\t\t<meta itemscope itemprop=\"mainEntityOfPage\" itemtype=\"https:\/\/schema.org\/WebPage\" itemid=\"https:\/\/www.psib-psoe.org\/mallorca\/els-socialistes-de-felanitx-denuncien-la-mala-gestio-de-lequip-de-govern-al-perdre-la-subvencio-de-176-800-euros-per-punts-de-recarrega-i-pergoles-fotovoltaiques\/\">\n\t<\/aside>\n\t\t<\/article>\n<\/div>\n<div class=\"small-12 large-4 columns\">\n\t<article itemscope itemtype=\"http:\/\/schema.org\/Article\" class=\"post blog-style7 alt post-26505 type-post status-publish format-standard has-post-thumbnail hentry category-federacio-de-mallorca category-municipis category-portada\" role=\"article\">\n\t\t<figure class=\"post-gallery\"><img loading=\"lazy\" decoding=\"async\" width=\"600\" height=\"400\" src=\"https:\/\/www.psib-psoe.org\/mallorca\/wp-content\/uploads\/Assemblea-Maria-de-la-Salut-600x400.jpeg\" class=\"attachment-notio-general-x2 size-notio-general-x2 wp-post-image\" alt=\"\" srcset=\"https:\/\/www.psib-psoe.org\/mallorca\/wp-content\/uploads\/Assemblea-Maria-de-la-Salut-600x400.jpeg 600w, https:\/\/www.psib-psoe.org\/mallorca\/wp-content\/uploads\/Assemblea-Maria-de-la-Salut-300x200.jpeg 300w, https:\/\/www.psib-psoe.org\/mallorca\/wp-content\/uploads\/Assemblea-Maria-de-la-Salut-900x600.jpeg 900w, https:\/\/www.psib-psoe.org\/mallorca\/wp-content\/uploads\/Assemblea-Maria-de-la-Salut-20x13.jpeg 20w\" sizes=\"(max-width: 600px) 100vw, 600px\" \/><\/figure>\n\t\t<div class=\"blog-top\">\n\t\t\t<header class=\"post-title entry-header\">\n\t\t\t\t<aside class=\"post-meta cf\">\n\t\t30\/01\/2022 \/ <a href=\"https:\/\/www.psib-psoe.org\/mallorca\/category\/federacio-de-mallorca\/\" rel=\"category tag\">Federaci\u00f3 de Mallorca<\/a>, <a href=\"https:\/\/www.psib-psoe.org\/mallorca\/category\/municipis\/\" rel=\"category tag\">Municipis<\/a>, <a href=\"https:\/\/www.psib-psoe.org\/mallorca\/category\/portada\/\" rel=\"category tag\">Portada<\/a><\/aside>\n\t\t\t\t<h3 itemprop=\"headline\"><a href=\"https:\/\/www.psib-psoe.org\/mallorca\/rafel-aulet-sestrena-com-a-secretari-general-dels-socialistes-de-maria-de-la-salut\/\" title=\"Rafel Aulet s\u2019estrena com a Secretari General dels Socialistes de Maria de la Salut\">Rafel Aulet s\u2019estrena com a Secretari General dels Socialistes de Maria de la Salut<\/a><\/h3>\n\t\t\t<\/header>\n\t\t<\/div>\n\t\t<div class=\"post-content\">\n\t\t\t<a href=\"https:\/\/www.psib-psoe.org\/mallorca\/rafel-aulet-sestrena-com-a-secretari-general-dels-socialistes-de-maria-de-la-salut\/\" class=\"more-link\">Read More<\/a>\n\t\t<\/div>\n\t\t\t<aside class=\"post-bottom-meta hide\">\n\t\t<strong rel=\"author\" itemprop=\"author\" class=\"author vcard\"><span class=\"fn\">Marc<\/span><\/strong>\n\t\t<time class=\"date published time\" datetime=\"2022-01-30T12:33:32+02:00\" itemprop=\"datePublished\" content=\"2022-01-30T12:33:32+02:00\">30\/01\/2022<\/time>\n\t\t<meta itemprop=\"dateModified\" class=\"date updated\" content=\"2022-01-31T10:32:55+02:00\">\n\t\t<span class=\"hide\" itemprop=\"publisher\" itemscope itemtype=\"https:\/\/schema.org\/Organization\">\n\t\t\t<meta itemprop=\"name\" content=\"SocialistesdMca\">\n\t\t\t<span itemprop=\"logo\" itemscope itemtype=\"https:\/\/schema.org\/ImageObject\">\n\t\t\t\t<meta itemprop=\"url\" content=\"https:\/\/www.psib-psoe.org\/mallorca\/wp-content\/themes\/notio-wp\/assets\/img\/logo.png\">\n\t\t\t<\/span>\n\t\t\t<meta itemprop=\"url\" content=\"https:\/\/www.psib-psoe.org\/mallorca\/\">\n\t\t<\/span>\n\t\t\t\t<span class=\"hide\" itemprop=\"image\" itemscope itemtype=\"http:\/\/schema.org\/ImageObject\">\n\t\t\t<meta itemprop=\"url\" content=\"https:\/\/www.psib-psoe.org\/mallorca\/wp-content\/uploads\/Assemblea-Maria-de-la-Salut.jpeg\">\n\t\t\t<meta itemprop=\"width\" content=\"1600\">\n\t\t\t<meta itemprop=\"height\" content=\"1200\">\n\t\t<\/span>\n\t\t\t\t<meta itemscope itemprop=\"mainEntityOfPage\" itemtype=\"https:\/\/schema.org\/WebPage\" itemid=\"https:\/\/www.psib-psoe.org\/mallorca\/rafel-aulet-sestrena-com-a-secretari-general-dels-socialistes-de-maria-de-la-salut\/\">\n\t<\/aside>\n\t\t<\/article>\n<\/div>\n<div class=\"small-12 large-4 columns\">\n\t<article itemscope itemtype=\"http:\/\/schema.org\/Article\" class=\"post blog-style7 alt post-26502 type-post status-publish format-standard has-post-thumbnail hentry category-federacio-de-mallorca category-municipis category-portada tag-catalina-cladera tag-marga-portells tag-muro\" role=\"article\">\n\t\t<figure class=\"post-gallery\"><img loading=\"lazy\" decoding=\"async\" width=\"600\" height=\"400\" src=\"https:\/\/www.psib-psoe.org\/mallorca\/wp-content\/uploads\/Assemblea-socialistes-de-Muro-600x400.jpeg\" class=\"attachment-notio-general-x2 size-notio-general-x2 wp-post-image\" alt=\"\" srcset=\"https:\/\/www.psib-psoe.org\/mallorca\/wp-content\/uploads\/Assemblea-socialistes-de-Muro-600x400.jpeg 600w, https:\/\/www.psib-psoe.org\/mallorca\/wp-content\/uploads\/Assemblea-socialistes-de-Muro-300x200.jpeg 300w, https:\/\/www.psib-psoe.org\/mallorca\/wp-content\/uploads\/Assemblea-socialistes-de-Muro-900x600.jpeg 900w, https:\/\/www.psib-psoe.org\/mallorca\/wp-content\/uploads\/Assemblea-socialistes-de-Muro-20x13.jpeg 20w\" sizes=\"(max-width: 600px) 100vw, 600px\" \/><\/figure>\n\t\t<div class=\"blog-top\">\n\t\t\t<header class=\"post-title entry-header\">\n\t\t\t\t<aside class=\"post-meta cf\">\n\t\t29\/01\/2022 \/ <a href=\"https:\/\/www.psib-psoe.org\/mallorca\/category\/federacio-de-mallorca\/\" rel=\"category tag\">Federaci\u00f3 de Mallorca<\/a>, <a href=\"https:\/\/www.psib-psoe.org\/mallorca\/category\/municipis\/\" rel=\"category tag\">Municipis<\/a>, <a href=\"https:\/\/www.psib-psoe.org\/mallorca\/category\/portada\/\" rel=\"category tag\">Portada<\/a><\/aside>\n\t\t\t\t<h3 itemprop=\"headline\"><a href=\"https:\/\/www.psib-psoe.org\/mallorca\/margalida-portells-continua-al-capdavant-dels-socialistes-de-muro\/\" title=\"Margalida Portells continua al capdavant dels Socialistes de Muro\">Margalida Portells continua al capdavant dels Socialistes de Muro<\/a><\/h3>\n\t\t\t<\/header>\n\t\t<\/div>\n\t\t<div class=\"post-content\">\n\t\t\t<a href=\"https:\/\/www.psib-psoe.org\/mallorca\/margalida-portells-continua-al-capdavant-dels-socialistes-de-muro\/\" class=\"more-link\">Read More<\/a>\n\t\t<\/div>\n\t\t\t<aside class=\"post-bottom-meta hide\">\n\t\t<strong rel=\"author\" itemprop=\"author\" class=\"author vcard\"><span class=\"fn\">Marc<\/span><\/strong>\n\t\t<time class=\"date published time\" datetime=\"2022-01-29T11:57:31+02:00\" itemprop=\"datePublished\" content=\"2022-01-29T11:57:31+02:00\">29\/01\/2022<\/time>\n\t\t<meta itemprop=\"dateModified\" class=\"date updated\" content=\"2022-01-31T10:34:14+02:00\">\n\t\t<span class=\"hide\" itemprop=\"publisher\" itemscope itemtype=\"https:\/\/schema.org\/Organization\">\n\t\t\t<meta itemprop=\"name\" content=\"SocialistesdMca\">\n\t\t\t<span itemprop=\"logo\" itemscope itemtype=\"https:\/\/schema.org\/ImageObject\">\n\t\t\t\t<meta itemprop=\"url\" content=\"https:\/\/www.psib-psoe.org\/mallorca\/wp-content\/themes\/notio-wp\/assets\/img\/logo.png\">\n\t\t\t<\/span>\n\t\t\t<meta itemprop=\"url\" content=\"https:\/\/www.psib-psoe.org\/mallorca\/\">\n\t\t<\/span>\n\t\t\t\t<span class=\"hide\" itemprop=\"image\" itemscope itemtype=\"http:\/\/schema.org\/ImageObject\">\n\t\t\t<meta itemprop=\"url\" content=\"https:\/\/www.psib-psoe.org\/mallorca\/wp-content\/uploads\/Assemblea-socialistes-de-Muro.jpeg\">\n\t\t\t<meta itemprop=\"width\" content=\"1600\">\n\t\t\t<meta itemprop=\"height\" content=\"720\">\n\t\t<\/span>\n\t\t\t\t<meta itemscope itemprop=\"mainEntityOfPage\" itemtype=\"https:\/\/schema.org\/WebPage\" itemid=\"https:\/\/www.psib-psoe.org\/mallorca\/margalida-portells-continua-al-capdavant-dels-socialistes-de-muro\/\">\n\t<\/aside>\n\t\t<\/article>\n<\/div>\n<div class=\"small-12 large-4 columns\">\n\t<article itemscope itemtype=\"http:\/\/schema.org\/Article\" class=\"post blog-style7 alt post-26498 type-post status-publish format-standard has-post-thumbnail hentry category-federacio-de-mallorca category-municipis category-portada\" role=\"article\">\n\t\t<figure class=\"post-gallery\"><img loading=\"lazy\" decoding=\"async\" width=\"600\" height=\"400\" src=\"https:\/\/www.psib-psoe.org\/mallorca\/wp-content\/uploads\/Socialistes-de-Felanitx-1-600x400.png\" class=\"attachment-notio-general-x2 size-notio-general-x2 wp-post-image\" alt=\"\" srcset=\"https:\/\/www.psib-psoe.org\/mallorca\/wp-content\/uploads\/Socialistes-de-Felanitx-1-600x400.png 600w, https:\/\/www.psib-psoe.org\/mallorca\/wp-content\/uploads\/Socialistes-de-Felanitx-1-300x200.png 300w, https:\/\/www.psib-psoe.org\/mallorca\/wp-content\/uploads\/Socialistes-de-Felanitx-1-20x13.png 20w, https:\/\/www.psib-psoe.org\/mallorca\/wp-content\/uploads\/Socialistes-de-Felanitx-1-900x600.png 900w\" sizes=\"(max-width: 600px) 100vw, 600px\" \/><\/figure>\n\t\t<div class=\"blog-top\">\n\t\t\t<header class=\"post-title entry-header\">\n\t\t\t\t<aside class=\"post-meta cf\">\n\t\t28\/01\/2022 \/ <a href=\"https:\/\/www.psib-psoe.org\/mallorca\/category\/federacio-de-mallorca\/\" rel=\"category tag\">Federaci\u00f3 de Mallorca<\/a>, <a href=\"https:\/\/www.psib-psoe.org\/mallorca\/category\/municipis\/\" rel=\"category tag\">Municipis<\/a>, <a href=\"https:\/\/www.psib-psoe.org\/mallorca\/category\/portada\/\" rel=\"category tag\">Portada<\/a><\/aside>\n\t\t\t\t<h3 itemprop=\"headline\"><a href=\"https:\/\/www.psib-psoe.org\/mallorca\/els-i-les-socialistes-de-felanitx-denuncien-lobscurantisme-i-la-censura-a-la-qual-continua-sotmetent-a-loposicio-el-batle\/\" title=\"Els i les socialistes de Felanitx denuncien l&#8217;obscurantisme i la censura a la qual continua sotmetent a l&#8217;oposici\u00f3 el batle\">Els i les socialistes de Felanitx denuncien l&#8217;obscurantisme i la censura a la qual continua sotmetent a l&#8217;oposici\u00f3 el batle<\/a><\/h3>\n\t\t\t<\/header>\n\t\t<\/div>\n\t\t<div class=\"post-content\">\n\t\t\t<a href=\"https:\/\/www.psib-psoe.org\/mallorca\/els-i-les-socialistes-de-felanitx-denuncien-lobscurantisme-i-la-censura-a-la-qual-continua-sotmetent-a-loposicio-el-batle\/\" class=\"more-link\">Read More<\/a>\n\t\t<\/div>\n\t\t\t<aside class=\"post-bottom-meta hide\">\n\t\t<strong rel=\"author\" itemprop=\"author\" class=\"author vcard\"><span class=\"fn\">Marc<\/span><\/strong>\n\t\t<time class=\"date published time\" datetime=\"2022-01-28T11:58:11+02:00\" itemprop=\"datePublished\" content=\"2022-01-28T11:58:11+02:00\">28\/01\/2022<\/time>\n\t\t<meta itemprop=\"dateModified\" class=\"date updated\" content=\"2022-01-28T11:58:11+02:00\">\n\t\t<span class=\"hide\" itemprop=\"publisher\" itemscope itemtype=\"https:\/\/schema.org\/Organization\">\n\t\t\t<meta itemprop=\"name\" content=\"SocialistesdMca\">\n\t\t\t<span itemprop=\"logo\" itemscope itemtype=\"https:\/\/schema.org\/ImageObject\">\n\t\t\t\t<meta itemprop=\"url\" content=\"https:\/\/www.psib-psoe.org\/mallorca\/wp-content\/themes\/notio-wp\/assets\/img\/logo.png\">\n\t\t\t<\/span>\n\t\t\t<meta itemprop=\"url\" content=\"https:\/\/www.psib-psoe.org\/mallorca\/\">\n\t\t<\/span>\n\t\t\t\t<span class=\"hide\" itemprop=\"image\" itemscope itemtype=\"http:\/\/schema.org\/ImageObject\">\n\t\t\t<meta itemprop=\"url\" content=\"https:\/\/www.psib-psoe.org\/mallorca\/wp-content\/uploads\/Socialistes-de-Felanitx-1.png\">\n\t\t\t<meta itemprop=\"width\" content=\"1024\">\n\t\t\t<meta itemprop=\"height\" content=\"698\">\n\t\t<\/span>\n\t\t\t\t<meta itemscope itemprop=\"mainEntityOfPage\" itemtype=\"https:\/\/schema.org\/WebPage\" itemid=\"https:\/\/www.psib-psoe.org\/mallorca\/els-i-les-socialistes-de-felanitx-denuncien-lobscurantisme-i-la-censura-a-la-qual-continua-sotmetent-a-loposicio-el-batle\/\">\n\t<\/aside>\n\t\t<\/article>\n<\/div>\n<div class=\"small-12 large-4 columns\">\n\t<article itemscope itemtype=\"http:\/\/schema.org\/Article\" class=\"post blog-style7 alt post-26494 type-post status-publish format-standard has-post-thumbnail hentry category-federacio-de-mallorca category-municipis category-portada\" role=\"article\">\n\t\t<figure class=\"post-gallery\"><img loading=\"lazy\" decoding=\"async\" width=\"600\" height=\"400\" src=\"https:\/\/www.psib-psoe.org\/mallorca\/wp-content\/uploads\/270122-executiva-FSM-600x400.jpg\" class=\"attachment-notio-general-x2 size-notio-general-x2 wp-post-image\" alt=\"\" srcset=\"https:\/\/www.psib-psoe.org\/mallorca\/wp-content\/uploads\/270122-executiva-FSM-600x400.jpg 600w, https:\/\/www.psib-psoe.org\/mallorca\/wp-content\/uploads\/270122-executiva-FSM-300x200.jpg 300w, https:\/\/www.psib-psoe.org\/mallorca\/wp-content\/uploads\/270122-executiva-FSM-900x600.jpg 900w, https:\/\/www.psib-psoe.org\/mallorca\/wp-content\/uploads\/270122-executiva-FSM-20x13.jpg 20w\" sizes=\"(max-width: 600px) 100vw, 600px\" \/><\/figure>\n\t\t<div class=\"blog-top\">\n\t\t\t<header class=\"post-title entry-header\">\n\t\t\t\t<aside class=\"post-meta cf\">\n\t\t27\/01\/2022 \/ <a href=\"https:\/\/www.psib-psoe.org\/mallorca\/category\/federacio-de-mallorca\/\" rel=\"category tag\">Federaci\u00f3 de Mallorca<\/a>, <a href=\"https:\/\/www.psib-psoe.org\/mallorca\/category\/municipis\/\" rel=\"category tag\">Municipis<\/a>, <a href=\"https:\/\/www.psib-psoe.org\/mallorca\/category\/portada\/\" rel=\"category tag\">Portada<\/a><\/aside>\n\t\t\t\t<h3 itemprop=\"headline\"><a href=\"https:\/\/www.psib-psoe.org\/mallorca\/els-socialistes-de-mallorca-aproven-el-seu-pla-estrategic-2021-2025-amb-les-principals-linies-de-feina-per-guanyar-les-eleccions-el-2023\/\" title=\"Els Socialistes de Mallorca aproven el seu Pla Estrat\u00e8gic 2021-2025 amb les principals l\u00ednies de feina per guanyar les eleccions el 2023\">Els Socialistes de Mallorca aproven el seu Pla Estrat\u00e8gic 2021-2025 amb les principals l\u00ednies de feina per guanyar les eleccions el 2023<\/a><\/h3>\n\t\t\t<\/header>\n\t\t<\/div>\n\t\t<div class=\"post-content\">\n\t\t\t<a href=\"https:\/\/www.psib-psoe.org\/mallorca\/els-socialistes-de-mallorca-aproven-el-seu-pla-estrategic-2021-2025-amb-les-principals-linies-de-feina-per-guanyar-les-eleccions-el-2023\/\" class=\"more-link\">Read More<\/a>\n\t\t<\/div>\n\t\t\t<aside class=\"post-bottom-meta hide\">\n\t\t<strong rel=\"author\" itemprop=\"author\" class=\"author vcard\"><span class=\"fn\">Socialistes de Mallorca<\/span><\/strong>\n\t\t<time class=\"date published time\" datetime=\"2022-01-27T20:40:31+02:00\" itemprop=\"datePublished\" content=\"2022-01-27T20:40:31+02:00\">27\/01\/2022<\/time>\n\t\t<meta itemprop=\"dateModified\" class=\"date updated\" content=\"2022-01-27T20:40:31+02:00\">\n\t\t<span class=\"hide\" itemprop=\"publisher\" itemscope itemtype=\"https:\/\/schema.org\/Organization\">\n\t\t\t<meta itemprop=\"name\" content=\"SocialistesdMca\">\n\t\t\t<span itemprop=\"logo\" itemscope itemtype=\"https:\/\/schema.org\/ImageObject\">\n\t\t\t\t<meta itemprop=\"url\" content=\"https:\/\/www.psib-psoe.org\/mallorca\/wp-content\/themes\/notio-wp\/assets\/img\/logo.png\">\n\t\t\t<\/span>\n\t\t\t<meta itemprop=\"url\" content=\"https:\/\/www.psib-psoe.org\/mallorca\/\">\n\t\t<\/span>\n\t\t\t\t<span class=\"hide\" itemprop=\"image\" itemscope itemtype=\"http:\/\/schema.org\/ImageObject\">\n\t\t\t<meta itemprop=\"url\" content=\"https:\/\/www.psib-psoe.org\/mallorca\/wp-content\/uploads\/270122-executiva-FSM.jpg\">\n\t\t\t<meta itemprop=\"width\" content=\"3648\">\n\t\t\t<meta itemprop=\"height\" content=\"2736\">\n\t\t<\/span>\n\t\t\t\t<meta itemscope itemprop=\"mainEntityOfPage\" itemtype=\"https:\/\/schema.org\/WebPage\" itemid=\"https:\/\/www.psib-psoe.org\/mallorca\/els-socialistes-de-mallorca-aproven-el-seu-pla-estrategic-2021-2025-amb-les-principals-linies-de-feina-per-guanyar-les-eleccions-el-2023\/\">\n\t<\/aside>\n\t\t<\/article>\n<\/div>\n<div class=\"small-12 large-4 columns\">\n\t<article itemscope itemtype=\"http:\/\/schema.org\/Article\" class=\"post blog-style7 alt post-26491 type-post status-publish format-standard has-post-thumbnail hentry category-federacio-de-mallorca category-municipis category-portada\" role=\"article\">\n\t\t<figure class=\"post-gallery\"><img loading=\"lazy\" decoding=\"async\" width=\"600\" height=\"400\" src=\"https:\/\/www.psib-psoe.org\/mallorca\/wp-content\/uploads\/pla\u00e7a-son-servera-600x400.jpg\" class=\"attachment-notio-general-x2 size-notio-general-x2 wp-post-image\" alt=\"\" srcset=\"https:\/\/www.psib-psoe.org\/mallorca\/wp-content\/uploads\/pla\u00e7a-son-servera-600x400.jpg 600w, https:\/\/www.psib-psoe.org\/mallorca\/wp-content\/uploads\/pla\u00e7a-son-servera-300x200.jpg 300w, https:\/\/www.psib-psoe.org\/mallorca\/wp-content\/uploads\/pla\u00e7a-son-servera-900x600.jpg 900w, https:\/\/www.psib-psoe.org\/mallorca\/wp-content\/uploads\/pla\u00e7a-son-servera-20x13.jpg 20w\" sizes=\"(max-width: 600px) 100vw, 600px\" \/><\/figure>\n\t\t<div class=\"blog-top\">\n\t\t\t<header class=\"post-title entry-header\">\n\t\t\t\t<aside class=\"post-meta cf\">\n\t\t27\/01\/2022 \/ <a href=\"https:\/\/www.psib-psoe.org\/mallorca\/category\/federacio-de-mallorca\/\" rel=\"category tag\">Federaci\u00f3 de Mallorca<\/a>, <a href=\"https:\/\/www.psib-psoe.org\/mallorca\/category\/municipis\/\" rel=\"category tag\">Municipis<\/a>, <a href=\"https:\/\/www.psib-psoe.org\/mallorca\/category\/portada\/\" rel=\"category tag\">Portada<\/a><\/aside>\n\t\t\t\t<h3 itemprop=\"headline\"><a href=\"https:\/\/www.psib-psoe.org\/mallorca\/els-socialistes-de-son-servera-lamenten-haver-de-defensar-davant-els-jutjats-la-legalitat-de-lesbucament-de-la-creu-dels-caiguts-per-una-denuncia-de-la-ultradreta\/\" title=\"Els Socialistes de Son Servera lamenten haver de defensar davant els Jutjats la legalitat de l\u2019esbucament de la Creu dels Caiguts per una den\u00fancia de la ultradreta\">Els Socialistes de Son Servera lamenten haver de defensar davant els Jutjats la legalitat de l\u2019esbucament de la Creu dels Caiguts per una den\u00fancia de la ultradreta<\/a><\/h3>\n\t\t\t<\/header>\n\t\t<\/div>\n\t\t<div class=\"post-content\">\n\t\t\t<a href=\"https:\/\/www.psib-psoe.org\/mallorca\/els-socialistes-de-son-servera-lamenten-haver-de-defensar-davant-els-jutjats-la-legalitat-de-lesbucament-de-la-creu-dels-caiguts-per-una-denuncia-de-la-ultradreta\/\" class=\"more-link\">Read More<\/a>\n\t\t<\/div>\n\t\t\t<aside class=\"post-bottom-meta hide\">\n\t\t<strong rel=\"author\" itemprop=\"author\" class=\"author vcard\"><span class=\"fn\">Socialistes de Mallorca<\/span><\/strong>\n\t\t<time class=\"date published time\" datetime=\"2022-01-27T14:46:30+02:00\" itemprop=\"datePublished\" content=\"2022-01-27T14:46:30+02:00\">27\/01\/2022<\/time>\n\t\t<meta itemprop=\"dateModified\" class=\"date updated\" content=\"2022-01-27T14:46:30+02:00\">\n\t\t<span class=\"hide\" itemprop=\"publisher\" itemscope itemtype=\"https:\/\/schema.org\/Organization\">\n\t\t\t<meta itemprop=\"name\" content=\"SocialistesdMca\">\n\t\t\t<span itemprop=\"logo\" itemscope itemtype=\"https:\/\/schema.org\/ImageObject\">\n\t\t\t\t<meta itemprop=\"url\" content=\"https:\/\/www.psib-psoe.org\/mallorca\/wp-content\/themes\/notio-wp\/assets\/img\/logo.png\">\n\t\t\t<\/span>\n\t\t\t<meta itemprop=\"url\" content=\"https:\/\/www.psib-psoe.org\/mallorca\/\">\n\t\t<\/span>\n\t\t\t\t<span class=\"hide\" itemprop=\"image\" itemscope itemtype=\"http:\/\/schema.org\/ImageObject\">\n\t\t\t<meta itemprop=\"url\" content=\"https:\/\/www.psib-psoe.org\/mallorca\/wp-content\/uploads\/pla\u00e7a-son-servera.jpg\">\n\t\t\t<meta itemprop=\"width\" content=\"4000\">\n\t\t\t<meta itemprop=\"height\" content=\"1800\">\n\t\t<\/span>\n\t\t\t\t<meta itemscope itemprop=\"mainEntityOfPage\" itemtype=\"https:\/\/schema.org\/WebPage\" itemid=\"https:\/\/www.psib-psoe.org\/mallorca\/els-socialistes-de-son-servera-lamenten-haver-de-defensar-davant-els-jutjats-la-legalitat-de-lesbucament-de-la-creu-dels-caiguts-per-una-denuncia-de-la-ultradreta\/\">\n\t<\/aside>\n\t\t<\/article>\n<\/div>\n<div class=\"small-12 large-4 columns\">\n\t<article itemscope itemtype=\"http:\/\/schema.org\/Article\" class=\"post blog-style7 alt post-26479 type-post status-publish format-standard has-post-thumbnail hentry category-consell-de-mallorca category-federacio-de-mallorca category-portada\" role=\"article\">\n\t\t<figure class=\"post-gallery\"><img loading=\"lazy\" decoding=\"async\" width=\"600\" height=\"400\" src=\"https:\/\/www.psib-psoe.org\/mallorca\/wp-content\/uploads\/Andreu-Alcover-Ple-CIM-1-600x400.jpg\" class=\"attachment-notio-general-x2 size-notio-general-x2 wp-post-image\" alt=\"\" srcset=\"https:\/\/www.psib-psoe.org\/mallorca\/wp-content\/uploads\/Andreu-Alcover-Ple-CIM-1-600x400.jpg 600w, https:\/\/www.psib-psoe.org\/mallorca\/wp-content\/uploads\/Andreu-Alcover-Ple-CIM-1-300x200.jpg 300w, https:\/\/www.psib-psoe.org\/mallorca\/wp-content\/uploads\/Andreu-Alcover-Ple-CIM-1-900x600.jpg 900w, https:\/\/www.psib-psoe.org\/mallorca\/wp-content\/uploads\/Andreu-Alcover-Ple-CIM-1-20x13.jpg 20w\" sizes=\"(max-width: 600px) 100vw, 600px\" \/><\/figure>\n\t\t<div class=\"blog-top\">\n\t\t\t<header class=\"post-title entry-header\">\n\t\t\t\t<aside class=\"post-meta cf\">\n\t\t13\/01\/2022 \/ <a href=\"https:\/\/www.psib-psoe.org\/mallorca\/category\/consell-de-mallorca\/\" rel=\"category tag\">Consell de Mallorca<\/a>, <a href=\"https:\/\/www.psib-psoe.org\/mallorca\/category\/federacio-de-mallorca\/\" rel=\"category tag\">Federaci\u00f3 de Mallorca<\/a>, <a href=\"https:\/\/www.psib-psoe.org\/mallorca\/category\/portada\/\" rel=\"category tag\">Portada<\/a><\/aside>\n\t\t\t\t<h3 itemprop=\"headline\"><a href=\"https:\/\/www.psib-psoe.org\/mallorca\/alcover-lamenta-que-el-pp-continui-sense-fer-cap-aportacio-productiva-per-la-proteccio-de-menors-i-recorda-que-la-feina-feta-en-mallorca-pot-ajudar-a-altres-comunitats-a-millorar-els-protocols\/\" title=\"Alcover lamenta que el PP continu\u00ef sense fer cap aportaci\u00f3 productiva per la protecci\u00f3 de menors i recorda que la feina feta en Mallorca pot ajudar a altres comunitats a millorar els protocols\">Alcover lamenta que el PP continu\u00ef sense fer cap aportaci\u00f3 productiva per la protecci\u00f3 de menors i recorda que la feina feta en Mallorca pot ajudar a altres comunitats a millorar els protocols<\/a><\/h3>\n\t\t\t<\/header>\n\t\t<\/div>\n\t\t<div class=\"post-content\">\n\t\t\t<a href=\"https:\/\/www.psib-psoe.org\/mallorca\/alcover-lamenta-que-el-pp-continui-sense-fer-cap-aportacio-productiva-per-la-proteccio-de-menors-i-recorda-que-la-feina-feta-en-mallorca-pot-ajudar-a-altres-comunitats-a-millorar-els-protocols\/\" class=\"more-link\">Read More<\/a>\n\t\t<\/div>\n\t\t\t<aside class=\"post-bottom-meta hide\">\n\t\t<strong rel=\"author\" itemprop=\"author\" class=\"author vcard\"><span class=\"fn\">Socialistes de Mallorca<\/span><\/strong>\n\t\t<time class=\"date published time\" datetime=\"2022-01-13T17:08:38+02:00\" itemprop=\"datePublished\" content=\"2022-01-13T17:08:38+02:00\">13\/01\/2022<\/time>\n\t\t<meta itemprop=\"dateModified\" class=\"date updated\" content=\"2022-01-13T17:08:38+02:00\">\n\t\t<span class=\"hide\" itemprop=\"publisher\" itemscope itemtype=\"https:\/\/schema.org\/Organization\">\n\t\t\t<meta itemprop=\"name\" content=\"SocialistesdMca\">\n\t\t\t<span itemprop=\"logo\" itemscope itemtype=\"https:\/\/schema.org\/ImageObject\">\n\t\t\t\t<meta itemprop=\"url\" content=\"https:\/\/www.psib-psoe.org\/mallorca\/wp-content\/themes\/notio-wp\/assets\/img\/logo.png\">\n\t\t\t<\/span>\n\t\t\t<meta itemprop=\"url\" content=\"https:\/\/www.psib-psoe.org\/mallorca\/\">\n\t\t<\/span>\n\t\t\t\t<span class=\"hide\" itemprop=\"image\" itemscope itemtype=\"http:\/\/schema.org\/ImageObject\">\n\t\t\t<meta itemprop=\"url\" content=\"https:\/\/www.psib-psoe.org\/mallorca\/wp-content\/uploads\/Andreu-Alcover-Ple-CIM-1.jpg\">\n\t\t\t<meta itemprop=\"width\" content=\"1000\">\n\t\t\t<meta itemprop=\"height\" content=\"750\">\n\t\t<\/span>\n\t\t\t\t<meta itemscope itemprop=\"mainEntityOfPage\" itemtype=\"https:\/\/schema.org\/WebPage\" itemid=\"https:\/\/www.psib-psoe.org\/mallorca\/alcover-lamenta-que-el-pp-continui-sense-fer-cap-aportacio-productiva-per-la-proteccio-de-menors-i-recorda-que-la-feina-feta-en-mallorca-pot-ajudar-a-altres-comunitats-a-millorar-els-protocols\/\">\n\t<\/aside>\n\t\t<\/article>\n<\/div>\n<div class=\"small-12 large-4 columns\">\n\t<article itemscope itemtype=\"http:\/\/schema.org\/Article\" class=\"post blog-style7 alt post-26475 type-post status-publish format-standard has-post-thumbnail hentry category-consell-de-mallorca category-federacio-de-mallorca category-municipis category-portada\" role=\"article\">\n\t\t<figure class=\"post-gallery\"><img loading=\"lazy\" decoding=\"async\" width=\"600\" height=\"400\" src=\"https:\/\/www.psib-psoe.org\/mallorca\/wp-content\/uploads\/Marc-Lopez-i-Eduard-Soriano-600x400.jpg\" class=\"attachment-notio-general-x2 size-notio-general-x2 wp-post-image\" alt=\"\" srcset=\"https:\/\/www.psib-psoe.org\/mallorca\/wp-content\/uploads\/Marc-Lopez-i-Eduard-Soriano-600x400.jpg 600w, https:\/\/www.psib-psoe.org\/mallorca\/wp-content\/uploads\/Marc-Lopez-i-Eduard-Soriano-300x200.jpg 300w, https:\/\/www.psib-psoe.org\/mallorca\/wp-content\/uploads\/Marc-Lopez-i-Eduard-Soriano-900x600.jpg 900w, https:\/\/www.psib-psoe.org\/mallorca\/wp-content\/uploads\/Marc-Lopez-i-Eduard-Soriano-20x13.jpg 20w\" sizes=\"(max-width: 600px) 100vw, 600px\" \/><\/figure>\n\t\t<div class=\"blog-top\">\n\t\t\t<header class=\"post-title entry-header\">\n\t\t\t\t<aside class=\"post-meta cf\">\n\t\t07\/01\/2022 \/ <a href=\"https:\/\/www.psib-psoe.org\/mallorca\/category\/consell-de-mallorca\/\" rel=\"category tag\">Consell de Mallorca<\/a>, <a href=\"https:\/\/www.psib-psoe.org\/mallorca\/category\/federacio-de-mallorca\/\" rel=\"category tag\">Federaci\u00f3 de Mallorca<\/a>, <a href=\"https:\/\/www.psib-psoe.org\/mallorca\/category\/municipis\/\" rel=\"category tag\">Municipis<\/a>, <a href=\"https:\/\/www.psib-psoe.org\/mallorca\/category\/portada\/\" rel=\"category tag\">Portada<\/a><\/aside>\n\t\t\t\t<h3 itemprop=\"headline\"><a href=\"https:\/\/www.psib-psoe.org\/mallorca\/els-socialistes-de-mallorca-desenvoluparan-una-campanya-informativa-i-de-debat-sobre-el-nou-pla-territorial-en-els-municipis-de-lilla\/\" title=\"Els Socialistes de Mallorca desenvoluparan una campanya informativa i de debat sobre el nou Pla Territorial en els municipis de l\u2019illa\">Els Socialistes de Mallorca desenvoluparan una campanya informativa i de debat sobre el nou Pla Territorial en els municipis de l\u2019illa<\/a><\/h3>\n\t\t\t<\/header>\n\t\t<\/div>\n\t\t<div class=\"post-content\">\n\t\t\t<a href=\"https:\/\/www.psib-psoe.org\/mallorca\/els-socialistes-de-mallorca-desenvoluparan-una-campanya-informativa-i-de-debat-sobre-el-nou-pla-territorial-en-els-municipis-de-lilla\/\" class=\"more-link\">Read More<\/a>\n\t\t<\/div>\n\t\t\t<aside class=\"post-bottom-meta hide\">\n\t\t<strong rel=\"author\" itemprop=\"author\" class=\"author vcard\"><span class=\"fn\">Socialistes de Mallorca<\/span><\/strong>\n\t\t<time class=\"date published time\" datetime=\"2022-01-07T15:10:01+02:00\" itemprop=\"datePublished\" content=\"2022-01-07T15:10:01+02:00\">07\/01\/2022<\/time>\n\t\t<meta itemprop=\"dateModified\" class=\"date updated\" content=\"2022-01-07T15:10:01+02:00\">\n\t\t<span class=\"hide\" itemprop=\"publisher\" itemscope itemtype=\"https:\/\/schema.org\/Organization\">\n\t\t\t<meta itemprop=\"name\" content=\"SocialistesdMca\">\n\t\t\t<span itemprop=\"logo\" itemscope itemtype=\"https:\/\/schema.org\/ImageObject\">\n\t\t\t\t<meta itemprop=\"url\" content=\"https:\/\/www.psib-psoe.org\/mallorca\/wp-content\/themes\/notio-wp\/assets\/img\/logo.png\">\n\t\t\t<\/span>\n\t\t\t<meta itemprop=\"url\" content=\"https:\/\/www.psib-psoe.org\/mallorca\/\">\n\t\t<\/span>\n\t\t\t\t<span class=\"hide\" itemprop=\"image\" itemscope itemtype=\"http:\/\/schema.org\/ImageObject\">\n\t\t\t<meta itemprop=\"url\" content=\"https:\/\/www.psib-psoe.org\/mallorca\/wp-content\/uploads\/Marc-Lopez-i-Eduard-Soriano.jpg\">\n\t\t\t<meta itemprop=\"width\" content=\"4032\">\n\t\t\t<meta itemprop=\"height\" content=\"3024\">\n\t\t<\/span>\n\t\t\t\t<meta itemscope itemprop=\"mainEntityOfPage\" itemtype=\"https:\/\/schema.org\/WebPage\" itemid=\"https:\/\/www.psib-psoe.org\/mallorca\/els-socialistes-de-mallorca-desenvoluparan-una-campanya-informativa-i-de-debat-sobre-el-nou-pla-territorial-en-els-municipis-de-lilla\/\">\n\t<\/aside>\n\t\t<\/article>\n<\/div>\n<div class=\"small-12 large-4 columns\">\n\t<article itemscope itemtype=\"http:\/\/schema.org\/Article\" class=\"post blog-style7 alt post-26473 type-post status-publish format-standard has-post-thumbnail hentry category-federacio-de-mallorca category-municipis category-portada\" role=\"article\">\n\t\t<figure class=\"post-gallery\"><img loading=\"lazy\" decoding=\"async\" width=\"600\" height=\"400\" src=\"https:\/\/www.psib-psoe.org\/mallorca\/wp-content\/uploads\/Pau-Llado-Ariany-600x400.jpeg\" class=\"attachment-notio-general-x2 size-notio-general-x2 wp-post-image\" alt=\"\" srcset=\"https:\/\/www.psib-psoe.org\/mallorca\/wp-content\/uploads\/Pau-Llado-Ariany-600x400.jpeg 600w, https:\/\/www.psib-psoe.org\/mallorca\/wp-content\/uploads\/Pau-Llado-Ariany-300x200.jpeg 300w, https:\/\/www.psib-psoe.org\/mallorca\/wp-content\/uploads\/Pau-Llado-Ariany-768x512.jpeg 768w, https:\/\/www.psib-psoe.org\/mallorca\/wp-content\/uploads\/Pau-Llado-Ariany-150x100.jpeg 150w, https:\/\/www.psib-psoe.org\/mallorca\/wp-content\/uploads\/Pau-Llado-Ariany-900x600.jpeg 900w, https:\/\/www.psib-psoe.org\/mallorca\/wp-content\/uploads\/Pau-Llado-Ariany-20x13.jpeg 20w, https:\/\/www.psib-psoe.org\/mallorca\/wp-content\/uploads\/Pau-Llado-Ariany.jpeg 1000w\" sizes=\"(max-width: 600px) 100vw, 600px\" \/><\/figure>\n\t\t<div class=\"blog-top\">\n\t\t\t<header class=\"post-title entry-header\">\n\t\t\t\t<aside class=\"post-meta cf\">\n\t\t05\/01\/2022 \/ <a href=\"https:\/\/www.psib-psoe.org\/mallorca\/category\/federacio-de-mallorca\/\" rel=\"category tag\">Federaci\u00f3 de Mallorca<\/a>, <a href=\"https:\/\/www.psib-psoe.org\/mallorca\/category\/municipis\/\" rel=\"category tag\">Municipis<\/a>, <a href=\"https:\/\/www.psib-psoe.org\/mallorca\/category\/portada\/\" rel=\"category tag\">Portada<\/a><\/aside>\n\t\t\t\t<h3 itemprop=\"headline\"><a href=\"https:\/\/www.psib-psoe.org\/mallorca\/els-socialistes-dariany-promouen-la-retirada-urgent-de-les-plaques-i-carrers-que-encara-fan-enaltiment-feixista-al-municipi\/\" title=\"Els socialistes d&#8217;Ariany promouen la retirada urgent de les plaques i carrers que encara fan enaltiment feixista al municipi\">Els socialistes d&#8217;Ariany promouen la retirada urgent de les plaques i carrers que encara fan enaltiment feixista al municipi<\/a><\/h3>\n\t\t\t<\/header>\n\t\t<\/div>\n\t\t<div class=\"post-content\">\n\t\t\t<a href=\"https:\/\/www.psib-psoe.org\/mallorca\/els-socialistes-dariany-promouen-la-retirada-urgent-de-les-plaques-i-carrers-que-encara-fan-enaltiment-feixista-al-municipi\/\" class=\"more-link\">Read More<\/a>\n\t\t<\/div>\n\t\t\t<aside class=\"post-bottom-meta hide\">\n\t\t<strong rel=\"author\" itemprop=\"author\" class=\"author vcard\"><span class=\"fn\">Socialistes de Mallorca<\/span><\/strong>\n\t\t<time class=\"date published time\" datetime=\"2022-01-05T13:03:20+02:00\" itemprop=\"datePublished\" content=\"2022-01-05T13:03:20+02:00\">05\/01\/2022<\/time>\n\t\t<meta itemprop=\"dateModified\" class=\"date updated\" content=\"2022-01-05T13:03:20+02:00\">\n\t\t<span class=\"hide\" itemprop=\"publisher\" itemscope itemtype=\"https:\/\/schema.org\/Organization\">\n\t\t\t<meta itemprop=\"name\" content=\"SocialistesdMca\">\n\t\t\t<span itemprop=\"logo\" itemscope itemtype=\"https:\/\/schema.org\/ImageObject\">\n\t\t\t\t<meta itemprop=\"url\" content=\"https:\/\/www.psib-psoe.org\/mallorca\/wp-content\/themes\/notio-wp\/assets\/img\/logo.png\">\n\t\t\t<\/span>\n\t\t\t<meta itemprop=\"url\" content=\"https:\/\/www.psib-psoe.org\/mallorca\/\">\n\t\t<\/span>\n\t\t\t\t<span class=\"hide\" itemprop=\"image\" itemscope itemtype=\"http:\/\/schema.org\/ImageObject\">\n\t\t\t<meta itemprop=\"url\" content=\"https:\/\/www.psib-psoe.org\/mallorca\/wp-content\/uploads\/Pau-Llado-Ariany.jpeg\">\n\t\t\t<meta itemprop=\"width\" content=\"1000\">\n\t\t\t<meta itemprop=\"height\" content=\"667\">\n\t\t<\/span>\n\t\t\t\t<meta itemscope itemprop=\"mainEntityOfPage\" itemtype=\"https:\/\/schema.org\/WebPage\" itemid=\"https:\/\/www.psib-psoe.org\/mallorca\/els-socialistes-dariany-promouen-la-retirada-urgent-de-les-plaques-i-carrers-que-encara-fan-enaltiment-feixista-al-municipi\/\">\n\t<\/aside>\n\t\t<\/article>\n<\/div>\n<div class=\"small-12 large-4 columns\">\n\t<article itemscope itemtype=\"http:\/\/schema.org\/Article\" class=\"post blog-style7 alt post-26469 type-post status-publish format-standard has-post-thumbnail hentry category-consell-de-mallorca category-federacio-de-mallorca category-portada\" role=\"article\">\n\t\t<figure class=\"post-gallery\"><img loading=\"lazy\" decoding=\"async\" width=\"600\" height=\"400\" src=\"https:\/\/www.psib-psoe.org\/mallorca\/wp-content\/uploads\/rdp-balan\u00e7-Mallorca-600x400.jpg\" class=\"attachment-notio-general-x2 size-notio-general-x2 wp-post-image\" alt=\"\" srcset=\"https:\/\/www.psib-psoe.org\/mallorca\/wp-content\/uploads\/rdp-balan\u00e7-Mallorca-600x400.jpg 600w, https:\/\/www.psib-psoe.org\/mallorca\/wp-content\/uploads\/rdp-balan\u00e7-Mallorca-300x200.jpg 300w, https:\/\/www.psib-psoe.org\/mallorca\/wp-content\/uploads\/rdp-balan\u00e7-Mallorca-900x600.jpg 900w, https:\/\/www.psib-psoe.org\/mallorca\/wp-content\/uploads\/rdp-balan\u00e7-Mallorca-20x13.jpg 20w\" sizes=\"(max-width: 600px) 100vw, 600px\" \/><\/figure>\n\t\t<div class=\"blog-top\">\n\t\t\t<header class=\"post-title entry-header\">\n\t\t\t\t<aside class=\"post-meta cf\">\n\t\t30\/12\/2021 \/ <a href=\"https:\/\/www.psib-psoe.org\/mallorca\/category\/consell-de-mallorca\/\" rel=\"category tag\">Consell de Mallorca<\/a>, <a href=\"https:\/\/www.psib-psoe.org\/mallorca\/category\/federacio-de-mallorca\/\" rel=\"category tag\">Federaci\u00f3 de Mallorca<\/a>, <a href=\"https:\/\/www.psib-psoe.org\/mallorca\/category\/portada\/\" rel=\"category tag\">Portada<\/a><\/aside>\n\t\t\t\t<h3 itemprop=\"headline\"><a href=\"https:\/\/www.psib-psoe.org\/mallorca\/alcover-destaca-les-politiques-desenvolupades-des-del-consell-de-mallorca-per-la-recuperacio-economica-i-social-a-les-quals-donarem-continuitat-durant-2022-amb-un-pacte-desquerres-f\/\" title=\"Alcover destaca les pol\u00edtiques desenvolupades des del Consell de Mallorca per la recuperaci\u00f3 econ\u00f2mica i social, \u201ca les quals donarem continu\u00eftat durant 2022 amb un pacte d\u2019esquerres fort i unit&#8221;\">Alcover destaca les pol\u00edtiques desenvolupades des del Consell de Mallorca per la recuperaci\u00f3 econ\u00f2mica i social, \u201ca les quals donarem continu\u00eftat durant 2022 amb un pacte d\u2019esquerres fort i unit&#8221;<\/a><\/h3>\n\t\t\t<\/header>\n\t\t<\/div>\n\t\t<div class=\"post-content\">\n\t\t\t<a href=\"https:\/\/www.psib-psoe.org\/mallorca\/alcover-destaca-les-politiques-desenvolupades-des-del-consell-de-mallorca-per-la-recuperacio-economica-i-social-a-les-quals-donarem-continuitat-durant-2022-amb-un-pacte-desquerres-f\/\" class=\"more-link\">Read More<\/a>\n\t\t<\/div>\n\t\t\t<aside class=\"post-bottom-meta hide\">\n\t\t<strong rel=\"author\" itemprop=\"author\" class=\"author vcard\"><span class=\"fn\">Socialistes de Mallorca<\/span><\/strong>\n\t\t<time class=\"date published time\" datetime=\"2021-12-30T14:44:33+02:00\" itemprop=\"datePublished\" content=\"2021-12-30T14:44:33+02:00\">30\/12\/2021<\/time>\n\t\t<meta itemprop=\"dateModified\" class=\"date updated\" content=\"2021-12-30T14:44:33+02:00\">\n\t\t<span class=\"hide\" itemprop=\"publisher\" itemscope itemtype=\"https:\/\/schema.org\/Organization\">\n\t\t\t<meta itemprop=\"name\" content=\"SocialistesdMca\">\n\t\t\t<span itemprop=\"logo\" itemscope itemtype=\"https:\/\/schema.org\/ImageObject\">\n\t\t\t\t<meta itemprop=\"url\" content=\"https:\/\/www.psib-psoe.org\/mallorca\/wp-content\/themes\/notio-wp\/assets\/img\/logo.png\">\n\t\t\t<\/span>\n\t\t\t<meta itemprop=\"url\" content=\"https:\/\/www.psib-psoe.org\/mallorca\/\">\n\t\t<\/span>\n\t\t\t\t<span class=\"hide\" itemprop=\"image\" itemscope itemtype=\"http:\/\/schema.org\/ImageObject\">\n\t\t\t<meta itemprop=\"url\" content=\"https:\/\/www.psib-psoe.org\/mallorca\/wp-content\/uploads\/rdp-balan\u00e7-Mallorca.jpg\">\n\t\t\t<meta itemprop=\"width\" content=\"4032\">\n\t\t\t<meta itemprop=\"height\" content=\"3024\">\n\t\t<\/span>\n\t\t\t\t<meta itemscope itemprop=\"mainEntityOfPage\" itemtype=\"https:\/\/schema.org\/WebPage\" itemid=\"https:\/\/www.psib-psoe.org\/mallorca\/alcover-destaca-les-politiques-desenvolupades-des-del-consell-de-mallorca-per-la-recuperacio-economica-i-social-a-les-quals-donarem-continuitat-durant-2022-amb-un-pacte-desquerres-f\/\">\n\t<\/aside>\n\t\t<\/article>\n<\/div>\n<div class=\"small-12 large-4 columns\">\n\t<article itemscope itemtype=\"http:\/\/schema.org\/Article\" class=\"post blog-style7 alt post-26464 type-post status-publish format-standard has-post-thumbnail hentry category-consell-de-mallorca category-federacio-de-mallorca category-municipis category-portada\" role=\"article\">\n\t\t<figure class=\"post-gallery\"><img loading=\"lazy\" decoding=\"async\" width=\"600\" height=\"400\" src=\"https:\/\/www.psib-psoe.org\/mallorca\/wp-content\/uploads\/Grup-socialista-600x400.jpeg\" class=\"attachment-notio-general-x2 size-notio-general-x2 wp-post-image\" alt=\"\" srcset=\"https:\/\/www.psib-psoe.org\/mallorca\/wp-content\/uploads\/Grup-socialista-600x400.jpeg 600w, https:\/\/www.psib-psoe.org\/mallorca\/wp-content\/uploads\/Grup-socialista-300x200.jpeg 300w, https:\/\/www.psib-psoe.org\/mallorca\/wp-content\/uploads\/Grup-socialista-900x600.jpeg 900w, https:\/\/www.psib-psoe.org\/mallorca\/wp-content\/uploads\/Grup-socialista-20x13.jpeg 20w\" sizes=\"(max-width: 600px) 100vw, 600px\" \/><\/figure>\n\t\t<div class=\"blog-top\">\n\t\t\t<header class=\"post-title entry-header\">\n\t\t\t\t<aside class=\"post-meta cf\">\n\t\t29\/12\/2021 \/ <a href=\"https:\/\/www.psib-psoe.org\/mallorca\/category\/consell-de-mallorca\/\" rel=\"category tag\">Consell de Mallorca<\/a>, <a href=\"https:\/\/www.psib-psoe.org\/mallorca\/category\/federacio-de-mallorca\/\" rel=\"category tag\">Federaci\u00f3 de Mallorca<\/a>, <a href=\"https:\/\/www.psib-psoe.org\/mallorca\/category\/municipis\/\" rel=\"category tag\">Municipis<\/a>, <a href=\"https:\/\/www.psib-psoe.org\/mallorca\/category\/portada\/\" rel=\"category tag\">Portada<\/a><\/aside>\n\t\t\t\t<h3 itemprop=\"headline\"><a href=\"https:\/\/www.psib-psoe.org\/mallorca\/alcover-valora-laprovacio-del-pla-territorial-de-mallorca-perque-fa-una-aposta-clara-per-la-proteccio-del-paisatge-i-per-laplicacio-de-mesures-per-mitigar-els-efectes-del-canvi-cli\/\" title=\"Alcover valora l\u2019aprovaci\u00f3 del Pla Territorial de Mallorca \u201cperqu\u00e8 fa una aposta clara per la protecci\u00f3 del paisatge i per l&#8217;aplicaci\u00f3 de mesures per mitigar els efectes del canvi clim\u00e0tic\u201d\">Alcover valora l\u2019aprovaci\u00f3 del Pla Territorial de Mallorca \u201cperqu\u00e8 fa una aposta clara per la protecci\u00f3 del paisatge i per l&#8217;aplicaci\u00f3 de mesures per mitigar els efectes del canvi clim\u00e0tic\u201d<\/a><\/h3>\n\t\t\t<\/header>\n\t\t<\/div>\n\t\t<div class=\"post-content\">\n\t\t\t<a href=\"https:\/\/www.psib-psoe.org\/mallorca\/alcover-valora-laprovacio-del-pla-territorial-de-mallorca-perque-fa-una-aposta-clara-per-la-proteccio-del-paisatge-i-per-laplicacio-de-mesures-per-mitigar-els-efectes-del-canvi-cli\/\" class=\"more-link\">Read More<\/a>\n\t\t<\/div>\n\t\t\t<aside class=\"post-bottom-meta hide\">\n\t\t<strong rel=\"author\" itemprop=\"author\" class=\"author vcard\"><span class=\"fn\">Socialistes de Mallorca<\/span><\/strong>\n\t\t<time class=\"date published time\" datetime=\"2021-12-29T15:42:46+02:00\" itemprop=\"datePublished\" content=\"2021-12-29T15:42:46+02:00\">29\/12\/2021<\/time>\n\t\t<meta itemprop=\"dateModified\" class=\"date updated\" content=\"2021-12-29T15:42:46+02:00\">\n\t\t<span class=\"hide\" itemprop=\"publisher\" itemscope itemtype=\"https:\/\/schema.org\/Organization\">\n\t\t\t<meta itemprop=\"name\" content=\"SocialistesdMca\">\n\t\t\t<span itemprop=\"logo\" itemscope itemtype=\"https:\/\/schema.org\/ImageObject\">\n\t\t\t\t<meta itemprop=\"url\" content=\"https:\/\/www.psib-psoe.org\/mallorca\/wp-content\/themes\/notio-wp\/assets\/img\/logo.png\">\n\t\t\t<\/span>\n\t\t\t<meta itemprop=\"url\" content=\"https:\/\/www.psib-psoe.org\/mallorca\/\">\n\t\t<\/span>\n\t\t\t\t<span class=\"hide\" itemprop=\"image\" itemscope itemtype=\"http:\/\/schema.org\/ImageObject\">\n\t\t\t<meta itemprop=\"url\" content=\"https:\/\/www.psib-psoe.org\/mallorca\/wp-content\/uploads\/Grup-socialista.jpeg\">\n\t\t\t<meta itemprop=\"width\" content=\"2048\">\n\t\t\t<meta itemprop=\"height\" content=\"1152\">\n\t\t<\/span>\n\t\t\t\t<meta itemscope itemprop=\"mainEntityOfPage\" itemtype=\"https:\/\/schema.org\/WebPage\" itemid=\"https:\/\/www.psib-psoe.org\/mallorca\/alcover-valora-laprovacio-del-pla-territorial-de-mallorca-perque-fa-una-aposta-clara-per-la-proteccio-del-paisatge-i-per-laplicacio-de-mesures-per-mitigar-els-efectes-del-canvi-cli\/\">\n\t<\/aside>\n\t\t<\/article>\n<\/div>\n<div class=\"small-12 large-4 columns\">\n\t<article itemscope itemtype=\"http:\/\/schema.org\/Article\" class=\"post blog-style7 alt post-26455 type-post status-publish format-standard has-post-thumbnail hentry category-federacio-de-mallorca category-municipis category-portada\" role=\"article\">\n\t\t<figure class=\"post-gallery\"><img loading=\"lazy\" decoding=\"async\" width=\"600\" height=\"400\" src=\"https:\/\/www.psib-psoe.org\/mallorca\/wp-content\/uploads\/210812-agrupaci\u00f3-mudan\u00e7a-seu-1-e1640690103432-600x400.jpeg\" class=\"attachment-notio-general-x2 size-notio-general-x2 wp-post-image\" alt=\"\" srcset=\"https:\/\/www.psib-psoe.org\/mallorca\/wp-content\/uploads\/210812-agrupaci\u00f3-mudan\u00e7a-seu-1-e1640690103432-600x400.jpeg 600w, https:\/\/www.psib-psoe.org\/mallorca\/wp-content\/uploads\/210812-agrupaci\u00f3-mudan\u00e7a-seu-1-e1640690103432-300x200.jpeg 300w, https:\/\/www.psib-psoe.org\/mallorca\/wp-content\/uploads\/210812-agrupaci\u00f3-mudan\u00e7a-seu-1-e1640690103432-20x13.jpeg 20w, https:\/\/www.psib-psoe.org\/mallorca\/wp-content\/uploads\/210812-agrupaci\u00f3-mudan\u00e7a-seu-1-e1640690103432-900x600.jpeg 900w\" sizes=\"(max-width: 600px) 100vw, 600px\" \/><\/figure>\n\t\t<div class=\"blog-top\">\n\t\t\t<header class=\"post-title entry-header\">\n\t\t\t\t<aside class=\"post-meta cf\">\n\t\t28\/12\/2021 \/ <a href=\"https:\/\/www.psib-psoe.org\/mallorca\/category\/federacio-de-mallorca\/\" rel=\"category tag\">Federaci\u00f3 de Mallorca<\/a>, <a href=\"https:\/\/www.psib-psoe.org\/mallorca\/category\/municipis\/\" rel=\"category tag\">Municipis<\/a>, <a href=\"https:\/\/www.psib-psoe.org\/mallorca\/category\/portada\/\" rel=\"category tag\">Portada<\/a><\/aside>\n\t\t\t\t<h3 itemprop=\"headline\"><a href=\"https:\/\/www.psib-psoe.org\/mallorca\/els-socialistes-de-llucmajor-alerten-de-la-intencio-de-lequip-de-govern-dexternalitzar-els-serveis-de-manteniment-del-cementeri-municipal\/\" title=\"Els Socialistes de Llucmajor alerten de la intenci\u00f3 de l&#8217;equip de govern d&#8217;externalitzar els serveis de manteniment del cementeri municipal\">Els Socialistes de Llucmajor alerten de la intenci\u00f3 de l&#8217;equip de govern d&#8217;externalitzar els serveis de manteniment del cementeri municipal<\/a><\/h3>\n\t\t\t<\/header>\n\t\t<\/div>\n\t\t<div class=\"post-content\">\n\t\t\t<a href=\"https:\/\/www.psib-psoe.org\/mallorca\/els-socialistes-de-llucmajor-alerten-de-la-intencio-de-lequip-de-govern-dexternalitzar-els-serveis-de-manteniment-del-cementeri-municipal\/\" class=\"more-link\">Read More<\/a>\n\t\t<\/div>\n\t\t\t<aside class=\"post-bottom-meta hide\">\n\t\t<strong rel=\"author\" itemprop=\"author\" class=\"author vcard\"><span class=\"fn\">Socialistes de Mallorca<\/span><\/strong>\n\t\t<time class=\"date published time\" datetime=\"2021-12-28T13:20:40+02:00\" itemprop=\"datePublished\" content=\"2021-12-28T13:20:40+02:00\">28\/12\/2021<\/time>\n\t\t<meta itemprop=\"dateModified\" class=\"date updated\" content=\"2021-12-28T13:51:44+02:00\">\n\t\t<span class=\"hide\" itemprop=\"publisher\" itemscope itemtype=\"https:\/\/schema.org\/Organization\">\n\t\t\t<meta itemprop=\"name\" content=\"SocialistesdMca\">\n\t\t\t<span itemprop=\"logo\" itemscope itemtype=\"https:\/\/schema.org\/ImageObject\">\n\t\t\t\t<meta itemprop=\"url\" content=\"https:\/\/www.psib-psoe.org\/mallorca\/wp-content\/themes\/notio-wp\/assets\/img\/logo.png\">\n\t\t\t<\/span>\n\t\t\t<meta itemprop=\"url\" content=\"https:\/\/www.psib-psoe.org\/mallorca\/\">\n\t\t<\/span>\n\t\t\t\t<span class=\"hide\" itemprop=\"image\" itemscope itemtype=\"http:\/\/schema.org\/ImageObject\">\n\t\t\t<meta itemprop=\"url\" content=\"https:\/\/www.psib-psoe.org\/mallorca\/wp-content\/uploads\/210812-agrupaci\u00f3-mudan\u00e7a-seu-1-e1640690103432.jpeg\">\n\t\t\t<meta itemprop=\"width\" content=\"1592\">\n\t\t\t<meta itemprop=\"height\" content=\"982\">\n\t\t<\/span>\n\t\t\t\t<meta itemscope itemprop=\"mainEntityOfPage\" itemtype=\"https:\/\/schema.org\/WebPage\" itemid=\"https:\/\/www.psib-psoe.org\/mallorca\/els-socialistes-de-llucmajor-alerten-de-la-intencio-de-lequip-de-govern-dexternalitzar-els-serveis-de-manteniment-del-cementeri-municipal\/\">\n\t<\/aside>\n\t\t<\/article>\n<\/div>\n<div class=\"small-12 large-4 columns\">\n\t<article itemscope itemtype=\"http:\/\/schema.org\/Article\" class=\"post blog-style7 alt post-26445 type-post status-publish format-standard hentry category-consell-de-mallorca category-federacio-de-mallorca category-municipis category-portada\" role=\"article\">\n\t\t<figure class=\"post-gallery\"><\/figure>\n\t\t<div class=\"blog-top\">\n\t\t\t<header class=\"post-title entry-header\">\n\t\t\t\t<aside class=\"post-meta cf\">\n\t\t24\/12\/2021 \/ <a href=\"https:\/\/www.psib-psoe.org\/mallorca\/category\/consell-de-mallorca\/\" rel=\"category tag\">Consell de Mallorca<\/a>, <a href=\"https:\/\/www.psib-psoe.org\/mallorca\/category\/federacio-de-mallorca\/\" rel=\"category tag\">Federaci\u00f3 de Mallorca<\/a>, <a href=\"https:\/\/www.psib-psoe.org\/mallorca\/category\/municipis\/\" rel=\"category tag\">Municipis<\/a>, <a href=\"https:\/\/www.psib-psoe.org\/mallorca\/category\/portada\/\" rel=\"category tag\">Portada<\/a><\/aside>\n\t\t\t\t<h3 itemprop=\"headline\"><a href=\"https:\/\/www.psib-psoe.org\/mallorca\/cladera-encoratja-la-militancia-a-lluitar-per-la-defensa-dels-nostres-valors-a-partir-dels-quals-serem-capacos-de-construir-una-mallorca-millor-mes-prospera-mes-ecologica-i-mes-tolerant\/\" title=\"Cladera encoratja la milit\u00e0ncia a \u201clluitar per la defensa dels nostres valors, a partir dels quals serem capa\u00e7os de construir una Mallorca millor, m\u00e9s pr\u00f2spera, m\u00e9s ecol\u00f2gica i m\u00e9s tolerant\u201d\">Cladera encoratja la milit\u00e0ncia a \u201clluitar per la defensa dels nostres valors, a partir dels quals serem capa\u00e7os de construir una Mallorca millor, m\u00e9s pr\u00f2spera, m\u00e9s ecol\u00f2gica i m\u00e9s tolerant\u201d<\/a><\/h3>\n\t\t\t<\/header>\n\t\t<\/div>\n\t\t<div class=\"post-content\">\n\t\t\t<a href=\"https:\/\/www.psib-psoe.org\/mallorca\/cladera-encoratja-la-militancia-a-lluitar-per-la-defensa-dels-nostres-valors-a-partir-dels-quals-serem-capacos-de-construir-una-mallorca-millor-mes-prospera-mes-ecologica-i-mes-tolerant\/\" class=\"more-link\">Read More<\/a>\n\t\t<\/div>\n\t\t\t<aside class=\"post-bottom-meta hide\">\n\t\t<strong rel=\"author\" itemprop=\"author\" class=\"author vcard\"><span class=\"fn\">Socialistes de Mallorca<\/span><\/strong>\n\t\t<time class=\"date published time\" datetime=\"2021-12-24T12:11:55+02:00\" itemprop=\"datePublished\" content=\"2021-12-24T12:11:55+02:00\">24\/12\/2021<\/time>\n\t\t<meta itemprop=\"dateModified\" class=\"date updated\" content=\"2021-12-24T12:51:14+02:00\">\n\t\t<span class=\"hide\" itemprop=\"publisher\" itemscope itemtype=\"https:\/\/schema.org\/Organization\">\n\t\t\t<meta itemprop=\"name\" content=\"SocialistesdMca\">\n\t\t\t<span itemprop=\"logo\" itemscope itemtype=\"https:\/\/schema.org\/ImageObject\">\n\t\t\t\t<meta itemprop=\"url\" content=\"https:\/\/www.psib-psoe.org\/mallorca\/wp-content\/themes\/notio-wp\/assets\/img\/logo.png\">\n\t\t\t<\/span>\n\t\t\t<meta itemprop=\"url\" content=\"https:\/\/www.psib-psoe.org\/mallorca\/\">\n\t\t<\/span>\n\t\t\t\t<meta itemscope itemprop=\"mainEntityOfPage\" itemtype=\"https:\/\/schema.org\/WebPage\" itemid=\"https:\/\/www.psib-psoe.org\/mallorca\/cladera-encoratja-la-militancia-a-lluitar-per-la-defensa-dels-nostres-valors-a-partir-dels-quals-serem-capacos-de-construir-una-mallorca-millor-mes-prospera-mes-ecologica-i-mes-tolerant\/\">\n\t<\/aside>\n\t\t<\/article>\n<\/div>\n<div class=\"small-12 large-4 columns\">\n\t<article itemscope itemtype=\"http:\/\/schema.org\/Article\" class=\"post blog-style7 alt post-26439 type-post status-publish format-standard has-post-thumbnail hentry category-consell-de-mallorca category-federacio-de-mallorca category-municipis category-portada\" role=\"article\">\n\t\t<figure class=\"post-gallery\"><img loading=\"lazy\" decoding=\"async\" width=\"600\" height=\"400\" src=\"https:\/\/www.psib-psoe.org\/mallorca\/wp-content\/uploads\/grup-socialista-CiM-600x400.jpg\" class=\"attachment-notio-general-x2 size-notio-general-x2 wp-post-image\" alt=\"\" srcset=\"https:\/\/www.psib-psoe.org\/mallorca\/wp-content\/uploads\/grup-socialista-CiM-600x400.jpg 600w, https:\/\/www.psib-psoe.org\/mallorca\/wp-content\/uploads\/grup-socialista-CiM-300x200.jpg 300w, https:\/\/www.psib-psoe.org\/mallorca\/wp-content\/uploads\/grup-socialista-CiM-900x600.jpg 900w, https:\/\/www.psib-psoe.org\/mallorca\/wp-content\/uploads\/grup-socialista-CiM-20x13.jpg 20w\" sizes=\"(max-width: 600px) 100vw, 600px\" \/><\/figure>\n\t\t<div class=\"blog-top\">\n\t\t\t<header class=\"post-title entry-header\">\n\t\t\t\t<aside class=\"post-meta cf\">\n\t\t23\/12\/2021 \/ <a href=\"https:\/\/www.psib-psoe.org\/mallorca\/category\/consell-de-mallorca\/\" rel=\"category tag\">Consell de Mallorca<\/a>, <a href=\"https:\/\/www.psib-psoe.org\/mallorca\/category\/federacio-de-mallorca\/\" rel=\"category tag\">Federaci\u00f3 de Mallorca<\/a>, <a href=\"https:\/\/www.psib-psoe.org\/mallorca\/category\/municipis\/\" rel=\"category tag\">Municipis<\/a>, <a href=\"https:\/\/www.psib-psoe.org\/mallorca\/category\/portada\/\" rel=\"category tag\">Portada<\/a><\/aside>\n\t\t\t\t<h3 itemprop=\"headline\"><a href=\"https:\/\/www.psib-psoe.org\/mallorca\/el-grup-socialista-del-consell-de-mallorca-valora-laprovacio-dels-pressuposts-de-2022-perque-demostren-laposta-clara-per-garantir-un-futur-mes-sostenible-economica-social-i\/\" title=\"El Grup Socialista del Consell de Mallorca valora l\u2019aprovaci\u00f3 dels Pressuposts de 2022 perqu\u00e8 \u201cdemostren l\u2019aposta clara per garantir un futur m\u00e9s sostenible econ\u00f2mica, social i mediambientalment\u201d\">El Grup Socialista del Consell de Mallorca valora l\u2019aprovaci\u00f3 dels Pressuposts de 2022 perqu\u00e8 \u201cdemostren l\u2019aposta clara per garantir un futur m\u00e9s sostenible econ\u00f2mica, social i mediambientalment\u201d<\/a><\/h3>\n\t\t\t<\/header>\n\t\t<\/div>\n\t\t<div class=\"post-content\">\n\t\t\t<a href=\"https:\/\/www.psib-psoe.org\/mallorca\/el-grup-socialista-del-consell-de-mallorca-valora-laprovacio-dels-pressuposts-de-2022-perque-demostren-laposta-clara-per-garantir-un-futur-mes-sostenible-economica-social-i\/\" class=\"more-link\">Read More<\/a>\n\t\t<\/div>\n\t\t\t<aside class=\"post-bottom-meta hide\">\n\t\t<strong rel=\"author\" itemprop=\"author\" class=\"author vcard\"><span class=\"fn\">Socialistes de Mallorca<\/span><\/strong>\n\t\t<time class=\"date published time\" datetime=\"2021-12-23T15:18:42+02:00\" itemprop=\"datePublished\" content=\"2021-12-23T15:18:42+02:00\">23\/12\/2021<\/time>\n\t\t<meta itemprop=\"dateModified\" class=\"date updated\" content=\"2021-12-23T16:37:20+02:00\">\n\t\t<span class=\"hide\" itemprop=\"publisher\" itemscope itemtype=\"https:\/\/schema.org\/Organization\">\n\t\t\t<meta itemprop=\"name\" content=\"SocialistesdMca\">\n\t\t\t<span itemprop=\"logo\" itemscope itemtype=\"https:\/\/schema.org\/ImageObject\">\n\t\t\t\t<meta itemprop=\"url\" content=\"https:\/\/www.psib-psoe.org\/mallorca\/wp-content\/themes\/notio-wp\/assets\/img\/logo.png\">\n\t\t\t<\/span>\n\t\t\t<meta itemprop=\"url\" content=\"https:\/\/www.psib-psoe.org\/mallorca\/\">\n\t\t<\/span>\n\t\t\t\t<span class=\"hide\" itemprop=\"image\" itemscope itemtype=\"http:\/\/schema.org\/ImageObject\">\n\t\t\t<meta itemprop=\"url\" content=\"https:\/\/www.psib-psoe.org\/mallorca\/wp-content\/uploads\/grup-socialista-CiM.jpg\">\n\t\t\t<meta itemprop=\"width\" content=\"1280\">\n\t\t\t<meta itemprop=\"height\" content=\"960\">\n\t\t<\/span>\n\t\t\t\t<meta itemscope itemprop=\"mainEntityOfPage\" itemtype=\"https:\/\/schema.org\/WebPage\" itemid=\"https:\/\/www.psib-psoe.org\/mallorca\/el-grup-socialista-del-consell-de-mallorca-valora-laprovacio-dels-pressuposts-de-2022-perque-demostren-laposta-clara-per-garantir-un-futur-mes-sostenible-economica-social-i\/\">\n\t<\/aside>\n\t\t<\/article>\n<\/div>\n<div class=\"small-12 large-4 columns\">\n\t<article itemscope itemtype=\"http:\/\/schema.org\/Article\" class=\"post blog-style7 alt post-26436 type-post status-publish format-standard has-post-thumbnail hentry category-consell-de-mallorca category-federacio-de-mallorca category-municipis category-portada\" role=\"article\">\n\t\t<figure class=\"post-gallery\"><img loading=\"lazy\" decoding=\"async\" width=\"600\" height=\"400\" src=\"https:\/\/www.psib-psoe.org\/mallorca\/wp-content\/uploads\/Nuria-Hinojosa-Manacor-600x400.jpeg\" class=\"attachment-notio-general-x2 size-notio-general-x2 wp-post-image\" alt=\"\" srcset=\"https:\/\/www.psib-psoe.org\/mallorca\/wp-content\/uploads\/Nuria-Hinojosa-Manacor-600x400.jpeg 600w, https:\/\/www.psib-psoe.org\/mallorca\/wp-content\/uploads\/Nuria-Hinojosa-Manacor-300x200.jpeg 300w, https:\/\/www.psib-psoe.org\/mallorca\/wp-content\/uploads\/Nuria-Hinojosa-Manacor-768x512.jpeg 768w, https:\/\/www.psib-psoe.org\/mallorca\/wp-content\/uploads\/Nuria-Hinojosa-Manacor-150x100.jpeg 150w, https:\/\/www.psib-psoe.org\/mallorca\/wp-content\/uploads\/Nuria-Hinojosa-Manacor-900x600.jpeg 900w, https:\/\/www.psib-psoe.org\/mallorca\/wp-content\/uploads\/Nuria-Hinojosa-Manacor-20x13.jpeg 20w, https:\/\/www.psib-psoe.org\/mallorca\/wp-content\/uploads\/Nuria-Hinojosa-Manacor.jpeg 1000w\" sizes=\"(max-width: 600px) 100vw, 600px\" \/><\/figure>\n\t\t<div class=\"blog-top\">\n\t\t\t<header class=\"post-title entry-header\">\n\t\t\t\t<aside class=\"post-meta cf\">\n\t\t22\/12\/2021 \/ <a href=\"https:\/\/www.psib-psoe.org\/mallorca\/category\/consell-de-mallorca\/\" rel=\"category tag\">Consell de Mallorca<\/a>, <a href=\"https:\/\/www.psib-psoe.org\/mallorca\/category\/federacio-de-mallorca\/\" rel=\"category tag\">Federaci\u00f3 de Mallorca<\/a>, <a href=\"https:\/\/www.psib-psoe.org\/mallorca\/category\/municipis\/\" rel=\"category tag\">Municipis<\/a>, <a href=\"https:\/\/www.psib-psoe.org\/mallorca\/category\/portada\/\" rel=\"category tag\">Portada<\/a><\/aside>\n\t\t\t\t<h3 itemprop=\"headline\"><a href=\"https:\/\/www.psib-psoe.org\/mallorca\/els-socialistes-de-manacor-aconsegueixen-laprovacio-del-pla-general-dordenacio-urbana-del-municipi-despres-de-trenta-anys-dintents-fallits\/\" title=\"Els Socialistes de Manacor aconsegueixen l\u2019aprovaci\u00f3 del Pla General d\u2019Ordenaci\u00f3 Urbana del municipi despr\u00e9s de trenta anys d\u2019intents fallits\">Els Socialistes de Manacor aconsegueixen l\u2019aprovaci\u00f3 del Pla General d\u2019Ordenaci\u00f3 Urbana del municipi despr\u00e9s de trenta anys d\u2019intents fallits<\/a><\/h3>\n\t\t\t<\/header>\n\t\t<\/div>\n\t\t<div class=\"post-content\">\n\t\t\t<a href=\"https:\/\/www.psib-psoe.org\/mallorca\/els-socialistes-de-manacor-aconsegueixen-laprovacio-del-pla-general-dordenacio-urbana-del-municipi-despres-de-trenta-anys-dintents-fallits\/\" class=\"more-link\">Read More<\/a>\n\t\t<\/div>\n\t\t\t<aside class=\"post-bottom-meta hide\">\n\t\t<strong rel=\"author\" itemprop=\"author\" class=\"author vcard\"><span class=\"fn\">Socialistes de Mallorca<\/span><\/strong>\n\t\t<time class=\"date published time\" datetime=\"2021-12-22T14:47:24+02:00\" itemprop=\"datePublished\" content=\"2021-12-22T14:47:24+02:00\">22\/12\/2021<\/time>\n\t\t<meta itemprop=\"dateModified\" class=\"date updated\" content=\"2021-12-22T14:47:24+02:00\">\n\t\t<span class=\"hide\" itemprop=\"publisher\" itemscope itemtype=\"https:\/\/schema.org\/Organization\">\n\t\t\t<meta itemprop=\"name\" content=\"SocialistesdMca\">\n\t\t\t<span itemprop=\"logo\" itemscope itemtype=\"https:\/\/schema.org\/ImageObject\">\n\t\t\t\t<meta itemprop=\"url\" content=\"https:\/\/www.psib-psoe.org\/mallorca\/wp-content\/themes\/notio-wp\/assets\/img\/logo.png\">\n\t\t\t<\/span>\n\t\t\t<meta itemprop=\"url\" content=\"https:\/\/www.psib-psoe.org\/mallorca\/\">\n\t\t<\/span>\n\t\t\t\t<span class=\"hide\" itemprop=\"image\" itemscope itemtype=\"http:\/\/schema.org\/ImageObject\">\n\t\t\t<meta itemprop=\"url\" content=\"https:\/\/www.psib-psoe.org\/mallorca\/wp-content\/uploads\/Nuria-Hinojosa-Manacor.jpeg\">\n\t\t\t<meta itemprop=\"width\" content=\"1000\">\n\t\t\t<meta itemprop=\"height\" content=\"667\">\n\t\t<\/span>\n\t\t\t\t<meta itemscope itemprop=\"mainEntityOfPage\" itemtype=\"https:\/\/schema.org\/WebPage\" itemid=\"https:\/\/www.psib-psoe.org\/mallorca\/els-socialistes-de-manacor-aconsegueixen-laprovacio-del-pla-general-dordenacio-urbana-del-municipi-despres-de-trenta-anys-dintents-fallits\/\">\n\t<\/aside>\n\t\t<\/article>\n<\/div>\n<div class=\"small-12 large-4 columns\">\n\t<article itemscope itemtype=\"http:\/\/schema.org\/Article\" class=\"post blog-style7 alt post-26431 type-post status-publish format-standard has-post-thumbnail hentry category-federacio-de-mallorca category-municipis category-portada\" role=\"article\">\n\t\t<figure class=\"post-gallery\"><img loading=\"lazy\" decoding=\"async\" width=\"600\" height=\"400\" src=\"https:\/\/www.psib-psoe.org\/mallorca\/wp-content\/uploads\/Socialistes-de-Felanitx-600x400.png\" class=\"attachment-notio-general-x2 size-notio-general-x2 wp-post-image\" alt=\"\" srcset=\"https:\/\/www.psib-psoe.org\/mallorca\/wp-content\/uploads\/Socialistes-de-Felanitx-600x400.png 600w, https:\/\/www.psib-psoe.org\/mallorca\/wp-content\/uploads\/Socialistes-de-Felanitx-300x200.png 300w, https:\/\/www.psib-psoe.org\/mallorca\/wp-content\/uploads\/Socialistes-de-Felanitx-20x13.png 20w, https:\/\/www.psib-psoe.org\/mallorca\/wp-content\/uploads\/Socialistes-de-Felanitx-900x600.png 900w\" sizes=\"(max-width: 600px) 100vw, 600px\" \/><\/figure>\n\t\t<div class=\"blog-top\">\n\t\t\t<header class=\"post-title entry-header\">\n\t\t\t\t<aside class=\"post-meta cf\">\n\t\t20\/12\/2021 \/ <a href=\"https:\/\/www.psib-psoe.org\/mallorca\/category\/federacio-de-mallorca\/\" rel=\"category tag\">Federaci\u00f3 de Mallorca<\/a>, <a href=\"https:\/\/www.psib-psoe.org\/mallorca\/category\/municipis\/\" rel=\"category tag\">Municipis<\/a>, <a href=\"https:\/\/www.psib-psoe.org\/mallorca\/category\/portada\/\" rel=\"category tag\">Portada<\/a><\/aside>\n\t\t\t\t<h3 itemprop=\"headline\"><a href=\"https:\/\/www.psib-psoe.org\/mallorca\/els-socialistes-de-felanitx-denuncien-la-falta-de-rigor-detica-i-transparencia-de-lequip-de-govern-davant-la-gestio-dels-pressupostos-2022\/\" title=\"Els Socialistes de Felanitx denuncien la falta de rigor, d\u2019\u00e8tica i transpar\u00e8ncia de l\u2019equip de govern davant la gesti\u00f3 dels pressupostos 2022\">Els Socialistes de Felanitx denuncien la falta de rigor, d\u2019\u00e8tica i transpar\u00e8ncia de l\u2019equip de govern davant la gesti\u00f3 dels pressupostos 2022<\/a><\/h3>\n\t\t\t<\/header>\n\t\t<\/div>\n\t\t<div class=\"post-content\">\n\t\t\t<a href=\"https:\/\/www.psib-psoe.org\/mallorca\/els-socialistes-de-felanitx-denuncien-la-falta-de-rigor-detica-i-transparencia-de-lequip-de-govern-davant-la-gestio-dels-pressupostos-2022\/\" class=\"more-link\">Read More<\/a>\n\t\t<\/div>\n\t\t\t<aside class=\"post-bottom-meta hide\">\n\t\t<strong rel=\"author\" itemprop=\"author\" class=\"author vcard\"><span class=\"fn\">Socialistes de Mallorca<\/span><\/strong>\n\t\t<time class=\"date published time\" datetime=\"2021-12-20T17:16:47+02:00\" itemprop=\"datePublished\" content=\"2021-12-20T17:16:47+02:00\">20\/12\/2021<\/time>\n\t\t<meta itemprop=\"dateModified\" class=\"date updated\" content=\"2021-12-21T11:58:31+02:00\">\n\t\t<span class=\"hide\" itemprop=\"publisher\" itemscope itemtype=\"https:\/\/schema.org\/Organization\">\n\t\t\t<meta itemprop=\"name\" content=\"SocialistesdMca\">\n\t\t\t<span itemprop=\"logo\" itemscope itemtype=\"https:\/\/schema.org\/ImageObject\">\n\t\t\t\t<meta itemprop=\"url\" content=\"https:\/\/www.psib-psoe.org\/mallorca\/wp-content\/themes\/notio-wp\/assets\/img\/logo.png\">\n\t\t\t<\/span>\n\t\t\t<meta itemprop=\"url\" content=\"https:\/\/www.psib-psoe.org\/mallorca\/\">\n\t\t<\/span>\n\t\t\t\t<span class=\"hide\" itemprop=\"image\" itemscope itemtype=\"http:\/\/schema.org\/ImageObject\">\n\t\t\t<meta itemprop=\"url\" content=\"https:\/\/www.psib-psoe.org\/mallorca\/wp-content\/uploads\/Socialistes-de-Felanitx.png\">\n\t\t\t<meta itemprop=\"width\" content=\"1676\">\n\t\t\t<meta itemprop=\"height\" content=\"1142\">\n\t\t<\/span>\n\t\t\t\t<meta itemscope itemprop=\"mainEntityOfPage\" itemtype=\"https:\/\/schema.org\/WebPage\" itemid=\"https:\/\/www.psib-psoe.org\/mallorca\/els-socialistes-de-felanitx-denuncien-la-falta-de-rigor-detica-i-transparencia-de-lequip-de-govern-davant-la-gestio-dels-pressupostos-2022\/\">\n\t<\/aside>\n\t\t<\/article>\n<\/div>\n<div class=\"small-12 large-4 columns\">\n\t<article itemscope itemtype=\"http:\/\/schema.org\/Article\" class=\"post blog-style7 alt post-26394 type-post status-publish format-standard hentry category-14e-congres-fsm category-federacio-de-mallorca category-portada\" role=\"article\">\n\t\t<figure class=\"post-gallery\"><\/figure>\n\t\t<div class=\"blog-top\">\n\t\t\t<header class=\"post-title entry-header\">\n\t\t\t\t<aside class=\"post-meta cf\">\n\t\t13\/12\/2021 \/ <a href=\"https:\/\/www.psib-psoe.org\/mallorca\/category\/14e-congres-fsm\/\" rel=\"category tag\">14\u00e8 Congr\u00e9s FSM<\/a>, <a href=\"https:\/\/www.psib-psoe.org\/mallorca\/category\/federacio-de-mallorca\/\" rel=\"category tag\">Federaci\u00f3 de Mallorca<\/a>, <a href=\"https:\/\/www.psib-psoe.org\/mallorca\/category\/portada\/\" rel=\"category tag\">Portada<\/a><\/aside>\n\t\t\t\t<h3 itemprop=\"headline\"><a href=\"https:\/\/www.psib-psoe.org\/mallorca\/cladera-tenim-un-equip-preparat-per-abordar-els-reptes-de-futur-de-mallorca-i-per-continuar-sent-la-primera-forca-politica-en-aquesta-terra-mes-enlla-de-2023\/\" title=\"Cladera: \u201cTenim un equip preparat per abordar els reptes de futur de Mallorca i per continuar sent la primera for\u00e7a pol\u00edtica en aquesta terra, m\u00e9s enll\u00e0 de 2023\u201d\">Cladera: \u201cTenim un equip preparat per abordar els reptes de futur de Mallorca i per continuar sent la primera for\u00e7a pol\u00edtica en aquesta terra, m\u00e9s enll\u00e0 de 2023\u201d<\/a><\/h3>\n\t\t\t<\/header>\n\t\t<\/div>\n\t\t<div class=\"post-content\">\n\t\t\t<a href=\"https:\/\/www.psib-psoe.org\/mallorca\/cladera-tenim-un-equip-preparat-per-abordar-els-reptes-de-futur-de-mallorca-i-per-continuar-sent-la-primera-forca-politica-en-aquesta-terra-mes-enlla-de-2023\/\" class=\"more-link\">Read More<\/a>\n\t\t<\/div>\n\t\t\t<aside class=\"post-bottom-meta hide\">\n\t\t<strong rel=\"author\" itemprop=\"author\" class=\"author vcard\"><span class=\"fn\">Socialistes de Mallorca<\/span><\/strong>\n\t\t<time class=\"date published time\" datetime=\"2021-12-13T18:42:28+02:00\" itemprop=\"datePublished\" content=\"2021-12-13T18:42:28+02:00\">13\/12\/2021<\/time>\n\t\t<meta itemprop=\"dateModified\" class=\"date updated\" content=\"2021-12-13T18:42:28+02:00\">\n\t\t<span class=\"hide\" itemprop=\"publisher\" itemscope itemtype=\"https:\/\/schema.org\/Organization\">\n\t\t\t<meta itemprop=\"name\" content=\"SocialistesdMca\">\n\t\t\t<span itemprop=\"logo\" itemscope itemtype=\"https:\/\/schema.org\/ImageObject\">\n\t\t\t\t<meta itemprop=\"url\" content=\"https:\/\/www.psib-psoe.org\/mallorca\/wp-content\/themes\/notio-wp\/assets\/img\/logo.png\">\n\t\t\t<\/span>\n\t\t\t<meta itemprop=\"url\" content=\"https:\/\/www.psib-psoe.org\/mallorca\/\">\n\t\t<\/span>\n\t\t\t\t<meta itemscope itemprop=\"mainEntityOfPage\" itemtype=\"https:\/\/schema.org\/WebPage\" itemid=\"https:\/\/www.psib-psoe.org\/mallorca\/cladera-tenim-un-equip-preparat-per-abordar-els-reptes-de-futur-de-mallorca-i-per-continuar-sent-la-primera-forca-politica-en-aquesta-terra-mes-enlla-de-2023\/\">\n\t<\/aside>\n\t\t<\/article>\n<\/div>\n<div class=\"small-12 large-4 columns\">\n\t<article itemscope itemtype=\"http:\/\/schema.org\/Article\" class=\"post blog-style7 alt post-26386 type-post status-publish format-standard hentry category-federacio-de-mallorca category-municipis category-portada\" role=\"article\">\n\t\t<figure class=\"post-gallery\"><\/figure>\n\t\t<div class=\"blog-top\">\n\t\t\t<header class=\"post-title entry-header\">\n\t\t\t\t<aside class=\"post-meta cf\">\n\t\t07\/12\/2021 \/ <a href=\"https:\/\/www.psib-psoe.org\/mallorca\/category\/federacio-de-mallorca\/\" rel=\"category tag\">Federaci\u00f3 de Mallorca<\/a>, <a href=\"https:\/\/www.psib-psoe.org\/mallorca\/category\/municipis\/\" rel=\"category tag\">Municipis<\/a>, <a href=\"https:\/\/www.psib-psoe.org\/mallorca\/category\/portada\/\" rel=\"category tag\">Portada<\/a><\/aside>\n\t\t\t\t<h3 itemprop=\"headline\"><a href=\"https:\/\/www.psib-psoe.org\/mallorca\/els-socialistes-de-felanitx-lamenten-que-la-mala-gestio-de-larea-durbanisme-impedeix-iniciar-la-construccio-de-la-nova-escola-el-2022\/\" title=\"Els socialistes de Felanitx lamenten que la mala gesti\u00f3 de l\u2019\u00e0rea d\u2019Urbanisme impedeix iniciar la construcci\u00f3 de la nova escola el 2022\">Els socialistes de Felanitx lamenten que la mala gesti\u00f3 de l\u2019\u00e0rea d\u2019Urbanisme impedeix iniciar la construcci\u00f3 de la nova escola el 2022<\/a><\/h3>\n\t\t\t<\/header>\n\t\t<\/div>\n\t\t<div class=\"post-content\">\n\t\t\t<a href=\"https:\/\/www.psib-psoe.org\/mallorca\/els-socialistes-de-felanitx-lamenten-que-la-mala-gestio-de-larea-durbanisme-impedeix-iniciar-la-construccio-de-la-nova-escola-el-2022\/\" class=\"more-link\">Read More<\/a>\n\t\t<\/div>\n\t\t\t<aside class=\"post-bottom-meta hide\">\n\t\t<strong rel=\"author\" itemprop=\"author\" class=\"author vcard\"><span class=\"fn\">Socialistes de Mallorca<\/span><\/strong>\n\t\t<time class=\"date published time\" datetime=\"2021-12-07T11:27:01+02:00\" itemprop=\"datePublished\" content=\"2021-12-07T11:27:01+02:00\">07\/12\/2021<\/time>\n\t\t<meta itemprop=\"dateModified\" class=\"date updated\" content=\"2021-12-07T11:27:01+02:00\">\n\t\t<span class=\"hide\" itemprop=\"publisher\" itemscope itemtype=\"https:\/\/schema.org\/Organization\">\n\t\t\t<meta itemprop=\"name\" content=\"SocialistesdMca\">\n\t\t\t<span itemprop=\"logo\" itemscope itemtype=\"https:\/\/schema.org\/ImageObject\">\n\t\t\t\t<meta itemprop=\"url\" content=\"https:\/\/www.psib-psoe.org\/mallorca\/wp-content\/themes\/notio-wp\/assets\/img\/logo.png\">\n\t\t\t<\/span>\n\t\t\t<meta itemprop=\"url\" content=\"https:\/\/www.psib-psoe.org\/mallorca\/\">\n\t\t<\/span>\n\t\t\t\t<meta itemscope itemprop=\"mainEntityOfPage\" itemtype=\"https:\/\/schema.org\/WebPage\" itemid=\"https:\/\/www.psib-psoe.org\/mallorca\/els-socialistes-de-felanitx-lamenten-que-la-mala-gestio-de-larea-durbanisme-impedeix-iniciar-la-construccio-de-la-nova-escola-el-2022\/\">\n\t<\/aside>\n\t\t<\/article>\n<\/div>\n<div class=\"small-12 large-4 columns\">\n\t<article itemscope itemtype=\"http:\/\/schema.org\/Article\" class=\"post blog-style7 alt post-26380 type-post status-publish format-standard has-post-thumbnail hentry category-14e-congres-fsm category-federacio-de-mallorca category-portada\" role=\"article\">\n\t\t<figure class=\"post-gallery\"><img loading=\"lazy\" decoding=\"async\" width=\"600\" height=\"400\" src=\"https:\/\/www.psib-psoe.org\/mallorca\/wp-content\/uploads\/Nova-Executiva-FSM-600x400.jpeg\" class=\"attachment-notio-general-x2 size-notio-general-x2 wp-post-image\" alt=\"\" srcset=\"https:\/\/www.psib-psoe.org\/mallorca\/wp-content\/uploads\/Nova-Executiva-FSM-600x400.jpeg 600w, https:\/\/www.psib-psoe.org\/mallorca\/wp-content\/uploads\/Nova-Executiva-FSM-300x200.jpeg 300w, https:\/\/www.psib-psoe.org\/mallorca\/wp-content\/uploads\/Nova-Executiva-FSM-768x511.jpeg 768w, https:\/\/www.psib-psoe.org\/mallorca\/wp-content\/uploads\/Nova-Executiva-FSM-1024x681.jpeg 1024w, https:\/\/www.psib-psoe.org\/mallorca\/wp-content\/uploads\/Nova-Executiva-FSM-150x100.jpeg 150w, https:\/\/www.psib-psoe.org\/mallorca\/wp-content\/uploads\/Nova-Executiva-FSM-900x600.jpeg 900w, https:\/\/www.psib-psoe.org\/mallorca\/wp-content\/uploads\/Nova-Executiva-FSM-20x13.jpeg 20w, https:\/\/www.psib-psoe.org\/mallorca\/wp-content\/uploads\/Nova-Executiva-FSM.jpeg 1600w\" sizes=\"(max-width: 600px) 100vw, 600px\" \/><\/figure>\n\t\t<div class=\"blog-top\">\n\t\t\t<header class=\"post-title entry-header\">\n\t\t\t\t<aside class=\"post-meta cf\">\n\t\t04\/12\/2021 \/ <a href=\"https:\/\/www.psib-psoe.org\/mallorca\/category\/14e-congres-fsm\/\" rel=\"category tag\">14\u00e8 Congr\u00e9s FSM<\/a>, <a href=\"https:\/\/www.psib-psoe.org\/mallorca\/category\/federacio-de-mallorca\/\" rel=\"category tag\">Federaci\u00f3 de Mallorca<\/a>, <a href=\"https:\/\/www.psib-psoe.org\/mallorca\/category\/portada\/\" rel=\"category tag\">Portada<\/a><\/aside>\n\t\t\t\t<h3 itemprop=\"headline\"><a href=\"https:\/\/www.psib-psoe.org\/mallorca\/catalina-cladera-nova-secretaria-general-dels-socialistes-de-mallorca-tenim-el-projecte-els-valors-i-les-persones-per-guanyar-el-futur\/\" title=\"Catalina Cladera, nova secret\u00e0ria general dels Socialistes de Mallorca: \u201ctenim el projecte, els valors i les persones per guanyar el futur\u201d\">Catalina Cladera, nova secret\u00e0ria general dels Socialistes de Mallorca: \u201ctenim el projecte, els valors i les persones per guanyar el futur\u201d<\/a><\/h3>\n\t\t\t<\/header>\n\t\t<\/div>\n\t\t<div class=\"post-content\">\n\t\t\t<a href=\"https:\/\/www.psib-psoe.org\/mallorca\/catalina-cladera-nova-secretaria-general-dels-socialistes-de-mallorca-tenim-el-projecte-els-valors-i-les-persones-per-guanyar-el-futur\/\" class=\"more-link\">Read More<\/a>\n\t\t<\/div>\n\t\t\t<aside class=\"post-bottom-meta hide\">\n\t\t<strong rel=\"author\" itemprop=\"author\" class=\"author vcard\"><span class=\"fn\">Socialistes de Mallorca<\/span><\/strong>\n\t\t<time class=\"date published time\" datetime=\"2021-12-04T19:38:38+02:00\" itemprop=\"datePublished\" content=\"2021-12-04T19:38:38+02:00\">04\/12\/2021<\/time>\n\t\t<meta itemprop=\"dateModified\" class=\"date updated\" content=\"2021-12-04T19:38:38+02:00\">\n\t\t<span class=\"hide\" itemprop=\"publisher\" itemscope itemtype=\"https:\/\/schema.org\/Organization\">\n\t\t\t<meta itemprop=\"name\" content=\"SocialistesdMca\">\n\t\t\t<span itemprop=\"logo\" itemscope itemtype=\"https:\/\/schema.org\/ImageObject\">\n\t\t\t\t<meta itemprop=\"url\" content=\"https:\/\/www.psib-psoe.org\/mallorca\/wp-content\/themes\/notio-wp\/assets\/img\/logo.png\">\n\t\t\t<\/span>\n\t\t\t<meta itemprop=\"url\" content=\"https:\/\/www.psib-psoe.org\/mallorca\/\">\n\t\t<\/span>\n\t\t\t\t<span class=\"hide\" itemprop=\"image\" itemscope itemtype=\"http:\/\/schema.org\/ImageObject\">\n\t\t\t<meta itemprop=\"url\" content=\"https:\/\/www.psib-psoe.org\/mallorca\/wp-content\/uploads\/Nova-Executiva-FSM.jpeg\">\n\t\t\t<meta itemprop=\"width\" content=\"1600\">\n\t\t\t<meta itemprop=\"height\" content=\"1064\">\n\t\t<\/span>\n\t\t\t\t<meta itemscope itemprop=\"mainEntityOfPage\" itemtype=\"https:\/\/schema.org\/WebPage\" itemid=\"https:\/\/www.psib-psoe.org\/mallorca\/catalina-cladera-nova-secretaria-general-dels-socialistes-de-mallorca-tenim-el-projecte-els-valors-i-les-persones-per-guanyar-el-futur\/\">\n\t<\/aside>\n\t\t<\/article>\n<\/div>\n<div class=\"small-12 large-4 columns\">\n\t<article itemscope itemtype=\"http:\/\/schema.org\/Article\" class=\"post blog-style7 alt post-26375 type-post status-publish format-standard has-post-thumbnail hentry category-14e-congres-fsm category-federacio-de-mallorca category-portada\" role=\"article\">\n\t\t<figure class=\"post-gallery\"><img loading=\"lazy\" decoding=\"async\" width=\"600\" height=\"400\" src=\"https:\/\/www.psib-psoe.org\/mallorca\/wp-content\/uploads\/20211204_INAUGURACIO-14-CONGRES-MALLORCA-3-600x400.jpeg\" class=\"attachment-notio-general-x2 size-notio-general-x2 wp-post-image\" alt=\"\" srcset=\"https:\/\/www.psib-psoe.org\/mallorca\/wp-content\/uploads\/20211204_INAUGURACIO-14-CONGRES-MALLORCA-3-600x400.jpeg 600w, https:\/\/www.psib-psoe.org\/mallorca\/wp-content\/uploads\/20211204_INAUGURACIO-14-CONGRES-MALLORCA-3-300x200.jpeg 300w, https:\/\/www.psib-psoe.org\/mallorca\/wp-content\/uploads\/20211204_INAUGURACIO-14-CONGRES-MALLORCA-3-768x511.jpeg 768w, https:\/\/www.psib-psoe.org\/mallorca\/wp-content\/uploads\/20211204_INAUGURACIO-14-CONGRES-MALLORCA-3-1024x681.jpeg 1024w, https:\/\/www.psib-psoe.org\/mallorca\/wp-content\/uploads\/20211204_INAUGURACIO-14-CONGRES-MALLORCA-3-150x100.jpeg 150w, https:\/\/www.psib-psoe.org\/mallorca\/wp-content\/uploads\/20211204_INAUGURACIO-14-CONGRES-MALLORCA-3-900x600.jpeg 900w, https:\/\/www.psib-psoe.org\/mallorca\/wp-content\/uploads\/20211204_INAUGURACIO-14-CONGRES-MALLORCA-3-20x13.jpeg 20w, https:\/\/www.psib-psoe.org\/mallorca\/wp-content\/uploads\/20211204_INAUGURACIO-14-CONGRES-MALLORCA-3.jpeg 1600w\" sizes=\"(max-width: 600px) 100vw, 600px\" \/><\/figure>\n\t\t<div class=\"blog-top\">\n\t\t\t<header class=\"post-title entry-header\">\n\t\t\t\t<aside class=\"post-meta cf\">\n\t\t04\/12\/2021 \/ <a href=\"https:\/\/www.psib-psoe.org\/mallorca\/category\/14e-congres-fsm\/\" rel=\"category tag\">14\u00e8 Congr\u00e9s FSM<\/a>, <a href=\"https:\/\/www.psib-psoe.org\/mallorca\/category\/federacio-de-mallorca\/\" rel=\"category tag\">Federaci\u00f3 de Mallorca<\/a>, <a href=\"https:\/\/www.psib-psoe.org\/mallorca\/category\/portada\/\" rel=\"category tag\">Portada<\/a><\/aside>\n\t\t\t\t<h3 itemprop=\"headline\"><a href=\"https:\/\/www.psib-psoe.org\/mallorca\/mercedes-garrido-els-socialistes-de-mallorca-continuarem-fent-historia-perque-la-gent-de-la-nostra-illa-be-sho-mereix\/\" title=\"Mercedes Garrido: \u201cEls Socialistes de Mallorca continuarem fent hist\u00f2ria perqu\u00e8 la gent de la nostra illa b\u00e9 s\u2019ho mereix\u201d\">Mercedes Garrido: \u201cEls Socialistes de Mallorca continuarem fent hist\u00f2ria perqu\u00e8 la gent de la nostra illa b\u00e9 s\u2019ho mereix\u201d<\/a><\/h3>\n\t\t\t<\/header>\n\t\t<\/div>\n\t\t<div class=\"post-content\">\n\t\t\t<a href=\"https:\/\/www.psib-psoe.org\/mallorca\/mercedes-garrido-els-socialistes-de-mallorca-continuarem-fent-historia-perque-la-gent-de-la-nostra-illa-be-sho-mereix\/\" class=\"more-link\">Read More<\/a>\n\t\t<\/div>\n\t\t\t<aside class=\"post-bottom-meta hide\">\n\t\t<strong rel=\"author\" itemprop=\"author\" class=\"author vcard\"><span class=\"fn\">Albert<\/span><\/strong>\n\t\t<time class=\"date published time\" datetime=\"2021-12-04T13:45:00+02:00\" itemprop=\"datePublished\" content=\"2021-12-04T13:45:00+02:00\">04\/12\/2021<\/time>\n\t\t<meta itemprop=\"dateModified\" class=\"date updated\" content=\"2021-12-04T13:47:12+02:00\">\n\t\t<span class=\"hide\" itemprop=\"publisher\" itemscope itemtype=\"https:\/\/schema.org\/Organization\">\n\t\t\t<meta itemprop=\"name\" content=\"SocialistesdMca\">\n\t\t\t<span itemprop=\"logo\" itemscope itemtype=\"https:\/\/schema.org\/ImageObject\">\n\t\t\t\t<meta itemprop=\"url\" content=\"https:\/\/www.psib-psoe.org\/mallorca\/wp-content\/themes\/notio-wp\/assets\/img\/logo.png\">\n\t\t\t<\/span>\n\t\t\t<meta itemprop=\"url\" content=\"https:\/\/www.psib-psoe.org\/mallorca\/\">\n\t\t<\/span>\n\t\t\t\t<span class=\"hide\" itemprop=\"image\" itemscope itemtype=\"http:\/\/schema.org\/ImageObject\">\n\t\t\t<meta itemprop=\"url\" content=\"https:\/\/www.psib-psoe.org\/mallorca\/wp-content\/uploads\/20211204_INAUGURACIO-14-CONGRES-MALLORCA-3.jpeg\">\n\t\t\t<meta itemprop=\"width\" content=\"1600\">\n\t\t\t<meta itemprop=\"height\" content=\"1064\">\n\t\t<\/span>\n\t\t\t\t<meta itemscope itemprop=\"mainEntityOfPage\" itemtype=\"https:\/\/schema.org\/WebPage\" itemid=\"https:\/\/www.psib-psoe.org\/mallorca\/mercedes-garrido-els-socialistes-de-mallorca-continuarem-fent-historia-perque-la-gent-de-la-nostra-illa-be-sho-mereix\/\">\n\t<\/aside>\n\t\t<\/article>\n<\/div>\n<div class=\"small-12 large-4 columns\">\n\t<article itemscope itemtype=\"http:\/\/schema.org\/Article\" class=\"post blog-style7 alt post-26368 type-post status-publish format-standard has-post-thumbnail hentry category-14e-congres-fsm category-federacio-de-mallorca category-portada\" role=\"article\">\n\t\t<figure class=\"post-gallery\"><img loading=\"lazy\" decoding=\"async\" width=\"600\" height=\"400\" src=\"https:\/\/www.psib-psoe.org\/mallorca\/wp-content\/uploads\/211202-Miquel-\u00e2ngel-Coll-i-Juli-Dalmau-600x400.jpeg\" class=\"attachment-notio-general-x2 size-notio-general-x2 wp-post-image\" alt=\"\" srcset=\"https:\/\/www.psib-psoe.org\/mallorca\/wp-content\/uploads\/211202-Miquel-\u00e2ngel-Coll-i-Juli-Dalmau-600x400.jpeg 600w, https:\/\/www.psib-psoe.org\/mallorca\/wp-content\/uploads\/211202-Miquel-\u00e2ngel-Coll-i-Juli-Dalmau-300x200.jpeg 300w, https:\/\/www.psib-psoe.org\/mallorca\/wp-content\/uploads\/211202-Miquel-\u00e2ngel-Coll-i-Juli-Dalmau-900x600.jpeg 900w, https:\/\/www.psib-psoe.org\/mallorca\/wp-content\/uploads\/211202-Miquel-\u00e2ngel-Coll-i-Juli-Dalmau-20x13.jpeg 20w\" sizes=\"(max-width: 600px) 100vw, 600px\" \/><\/figure>\n\t\t<div class=\"blog-top\">\n\t\t\t<header class=\"post-title entry-header\">\n\t\t\t\t<aside class=\"post-meta cf\">\n\t\t02\/12\/2021 \/ <a href=\"https:\/\/www.psib-psoe.org\/mallorca\/category\/14e-congres-fsm\/\" rel=\"category tag\">14\u00e8 Congr\u00e9s FSM<\/a>, <a href=\"https:\/\/www.psib-psoe.org\/mallorca\/category\/federacio-de-mallorca\/\" rel=\"category tag\">Federaci\u00f3 de Mallorca<\/a>, <a href=\"https:\/\/www.psib-psoe.org\/mallorca\/category\/portada\/\" rel=\"category tag\">Portada<\/a><\/aside>\n\t\t\t\t<h3 itemprop=\"headline\"><a href=\"https:\/\/www.psib-psoe.org\/mallorca\/la-fsm-afronta-el-seu-14e-congres-amb-el-lema-som-mallorca-som-futur-com-a-reflex-de-les-politiques-socialistes-que-estan-fent-avancar-mallorca-i-que-ho-seguiran-fent-els-proxims-a\/\" title=\"La FSM afronta el seu 14\u00e8 Congr\u00e9s amb el lema \u2018Som Mallorca, som futur\u2019, com a reflex de les pol\u00edtiques socialistes que estan fent avan\u00e7ar Mallorca i que ho seguiran fent els pr\u00f2xims anys\">La FSM afronta el seu 14\u00e8 Congr\u00e9s amb el lema \u2018Som Mallorca, som futur\u2019, com a reflex de les pol\u00edtiques socialistes que estan fent avan\u00e7ar Mallorca i que ho seguiran fent els pr\u00f2xims anys<\/a><\/h3>\n\t\t\t<\/header>\n\t\t<\/div>\n\t\t<div class=\"post-content\">\n\t\t\t<a href=\"https:\/\/www.psib-psoe.org\/mallorca\/la-fsm-afronta-el-seu-14e-congres-amb-el-lema-som-mallorca-som-futur-com-a-reflex-de-les-politiques-socialistes-que-estan-fent-avancar-mallorca-i-que-ho-seguiran-fent-els-proxims-a\/\" class=\"more-link\">Read More<\/a>\n\t\t<\/div>\n\t\t\t<aside class=\"post-bottom-meta hide\">\n\t\t<strong rel=\"author\" itemprop=\"author\" class=\"author vcard\"><span class=\"fn\">Socialistes de Mallorca<\/span><\/strong>\n\t\t<time class=\"date published time\" datetime=\"2021-12-02T13:04:00+02:00\" itemprop=\"datePublished\" content=\"2021-12-02T13:04:00+02:00\">02\/12\/2021<\/time>\n\t\t<meta itemprop=\"dateModified\" class=\"date updated\" content=\"2021-12-02T13:04:00+02:00\">\n\t\t<span class=\"hide\" itemprop=\"publisher\" itemscope itemtype=\"https:\/\/schema.org\/Organization\">\n\t\t\t<meta itemprop=\"name\" content=\"SocialistesdMca\">\n\t\t\t<span itemprop=\"logo\" itemscope itemtype=\"https:\/\/schema.org\/ImageObject\">\n\t\t\t\t<meta itemprop=\"url\" content=\"https:\/\/www.psib-psoe.org\/mallorca\/wp-content\/themes\/notio-wp\/assets\/img\/logo.png\">\n\t\t\t<\/span>\n\t\t\t<meta itemprop=\"url\" content=\"https:\/\/www.psib-psoe.org\/mallorca\/\">\n\t\t<\/span>\n\t\t\t\t<span class=\"hide\" itemprop=\"image\" itemscope itemtype=\"http:\/\/schema.org\/ImageObject\">\n\t\t\t<meta itemprop=\"url\" content=\"https:\/\/www.psib-psoe.org\/mallorca\/wp-content\/uploads\/211202-Miquel-\u00e2ngel-Coll-i-Juli-Dalmau.jpeg\">\n\t\t\t<meta itemprop=\"width\" content=\"1280\">\n\t\t\t<meta itemprop=\"height\" content=\"960\">\n\t\t<\/span>\n\t\t\t\t<meta itemscope itemprop=\"mainEntityOfPage\" itemtype=\"https:\/\/schema.org\/WebPage\" itemid=\"https:\/\/www.psib-psoe.org\/mallorca\/la-fsm-afronta-el-seu-14e-congres-amb-el-lema-som-mallorca-som-futur-com-a-reflex-de-les-politiques-socialistes-que-estan-fent-avancar-mallorca-i-que-ho-seguiran-fent-els-proxims-a\/\">\n\t<\/aside>\n\t\t<\/article>\n<\/div>\n<div class=\"small-12 large-4 columns\">\n\t<article itemscope itemtype=\"http:\/\/schema.org\/Article\" class=\"post blog-style7 alt post-26357 type-post status-publish format-standard has-post-thumbnail hentry category-14e-congres-fsm category-federacio-de-mallorca category-portada\" role=\"article\">\n\t\t<figure class=\"post-gallery\"><img loading=\"lazy\" decoding=\"async\" width=\"600\" height=\"400\" src=\"https:\/\/www.psib-psoe.org\/mallorca\/wp-content\/uploads\/trobada-raiguer-lloseta-600x400.jpeg\" class=\"attachment-notio-general-x2 size-notio-general-x2 wp-post-image\" alt=\"\" srcset=\"https:\/\/www.psib-psoe.org\/mallorca\/wp-content\/uploads\/trobada-raiguer-lloseta-600x400.jpeg 600w, https:\/\/www.psib-psoe.org\/mallorca\/wp-content\/uploads\/trobada-raiguer-lloseta-300x200.jpeg 300w, https:\/\/www.psib-psoe.org\/mallorca\/wp-content\/uploads\/trobada-raiguer-lloseta-900x600.jpeg 900w, https:\/\/www.psib-psoe.org\/mallorca\/wp-content\/uploads\/trobada-raiguer-lloseta-20x13.jpeg 20w\" sizes=\"(max-width: 600px) 100vw, 600px\" \/><\/figure>\n\t\t<div class=\"blog-top\">\n\t\t\t<header class=\"post-title entry-header\">\n\t\t\t\t<aside class=\"post-meta cf\">\n\t\t30\/11\/2021 \/ <a href=\"https:\/\/www.psib-psoe.org\/mallorca\/category\/14e-congres-fsm\/\" rel=\"category tag\">14\u00e8 Congr\u00e9s FSM<\/a>, <a href=\"https:\/\/www.psib-psoe.org\/mallorca\/category\/federacio-de-mallorca\/\" rel=\"category tag\">Federaci\u00f3 de Mallorca<\/a>, <a href=\"https:\/\/www.psib-psoe.org\/mallorca\/category\/portada\/\" rel=\"category tag\">Portada<\/a><\/aside>\n\t\t\t\t<h3 itemprop=\"headline\"><a href=\"https:\/\/www.psib-psoe.org\/mallorca\/els-socialistes-de-mallorca-debatran-el-dissabte-sobre-sostenibilitat-garantia-de-drets-i-el-paper-del-consell-de-mallorca\/\" title=\"Els Socialistes de Mallorca debatran el dissabte sobre sostenibilitat, garantia de drets i el paper del Consell de Mallorca\">Els Socialistes de Mallorca debatran el dissabte sobre sostenibilitat, garantia de drets i el paper del Consell de Mallorca<\/a><\/h3>\n\t\t\t<\/header>\n\t\t<\/div>\n\t\t<div class=\"post-content\">\n\t\t\t<a href=\"https:\/\/www.psib-psoe.org\/mallorca\/els-socialistes-de-mallorca-debatran-el-dissabte-sobre-sostenibilitat-garantia-de-drets-i-el-paper-del-consell-de-mallorca\/\" class=\"more-link\">Read More<\/a>\n\t\t<\/div>\n\t\t\t<aside class=\"post-bottom-meta hide\">\n\t\t<strong rel=\"author\" itemprop=\"author\" class=\"author vcard\"><span class=\"fn\">Socialistes de Mallorca<\/span><\/strong>\n\t\t<time class=\"date published time\" datetime=\"2021-11-30T13:06:00+02:00\" itemprop=\"datePublished\" content=\"2021-11-30T13:06:00+02:00\">30\/11\/2021<\/time>\n\t\t<meta itemprop=\"dateModified\" class=\"date updated\" content=\"2021-11-30T13:06:00+02:00\">\n\t\t<span class=\"hide\" itemprop=\"publisher\" itemscope itemtype=\"https:\/\/schema.org\/Organization\">\n\t\t\t<meta itemprop=\"name\" content=\"SocialistesdMca\">\n\t\t\t<span itemprop=\"logo\" itemscope itemtype=\"https:\/\/schema.org\/ImageObject\">\n\t\t\t\t<meta itemprop=\"url\" content=\"https:\/\/www.psib-psoe.org\/mallorca\/wp-content\/themes\/notio-wp\/assets\/img\/logo.png\">\n\t\t\t<\/span>\n\t\t\t<meta itemprop=\"url\" content=\"https:\/\/www.psib-psoe.org\/mallorca\/\">\n\t\t<\/span>\n\t\t\t\t<span class=\"hide\" itemprop=\"image\" itemscope itemtype=\"http:\/\/schema.org\/ImageObject\">\n\t\t\t<meta itemprop=\"url\" content=\"https:\/\/www.psib-psoe.org\/mallorca\/wp-content\/uploads\/trobada-raiguer-lloseta.jpeg\">\n\t\t\t<meta itemprop=\"width\" content=\"1280\">\n\t\t\t<meta itemprop=\"height\" content=\"960\">\n\t\t<\/span>\n\t\t\t\t<meta itemscope itemprop=\"mainEntityOfPage\" itemtype=\"https:\/\/schema.org\/WebPage\" itemid=\"https:\/\/www.psib-psoe.org\/mallorca\/els-socialistes-de-mallorca-debatran-el-dissabte-sobre-sostenibilitat-garantia-de-drets-i-el-paper-del-consell-de-mallorca\/\">\n\t<\/aside>\n\t\t<\/article>\n<\/div>\n<div class=\"small-12 large-4 columns\">\n\t<article itemscope itemtype=\"http:\/\/schema.org\/Article\" class=\"post blog-style7 alt post-26351 type-post status-publish format-standard has-post-thumbnail hentry category-consell-de-mallorca category-federacio-de-mallorca category-portada\" role=\"article\">\n\t\t<figure class=\"post-gallery\"><img loading=\"lazy\" decoding=\"async\" width=\"600\" height=\"400\" src=\"https:\/\/www.psib-psoe.org\/mallorca\/wp-content\/uploads\/Col\u00b7loqui-Illa-puig-i-cladera-1-600x400.jpeg\" class=\"attachment-notio-general-x2 size-notio-general-x2 wp-post-image\" alt=\"\" srcset=\"https:\/\/www.psib-psoe.org\/mallorca\/wp-content\/uploads\/Col\u00b7loqui-Illa-puig-i-cladera-1-600x400.jpeg 600w, https:\/\/www.psib-psoe.org\/mallorca\/wp-content\/uploads\/Col\u00b7loqui-Illa-puig-i-cladera-1-300x200.jpeg 300w, https:\/\/www.psib-psoe.org\/mallorca\/wp-content\/uploads\/Col\u00b7loqui-Illa-puig-i-cladera-1-768x512.jpeg 768w, https:\/\/www.psib-psoe.org\/mallorca\/wp-content\/uploads\/Col\u00b7loqui-Illa-puig-i-cladera-1-1024x682.jpeg 1024w, https:\/\/www.psib-psoe.org\/mallorca\/wp-content\/uploads\/Col\u00b7loqui-Illa-puig-i-cladera-1-150x100.jpeg 150w, https:\/\/www.psib-psoe.org\/mallorca\/wp-content\/uploads\/Col\u00b7loqui-Illa-puig-i-cladera-1-900x600.jpeg 900w, https:\/\/www.psib-psoe.org\/mallorca\/wp-content\/uploads\/Col\u00b7loqui-Illa-puig-i-cladera-1-20x13.jpeg 20w, https:\/\/www.psib-psoe.org\/mallorca\/wp-content\/uploads\/Col\u00b7loqui-Illa-puig-i-cladera-1.jpeg 1600w\" sizes=\"(max-width: 600px) 100vw, 600px\" \/><\/figure>\n\t\t<div class=\"blog-top\">\n\t\t\t<header class=\"post-title entry-header\">\n\t\t\t\t<aside class=\"post-meta cf\">\n\t\t28\/11\/2021 \/ <a href=\"https:\/\/www.psib-psoe.org\/mallorca\/category\/consell-de-mallorca\/\" rel=\"category tag\">Consell de Mallorca<\/a>, <a href=\"https:\/\/www.psib-psoe.org\/mallorca\/category\/federacio-de-mallorca\/\" rel=\"category tag\">Federaci\u00f3 de Mallorca<\/a>, <a href=\"https:\/\/www.psib-psoe.org\/mallorca\/category\/portada\/\" rel=\"category tag\">Portada<\/a><\/aside>\n\t\t\t\t<h3 itemprop=\"headline\"><a href=\"https:\/\/www.psib-psoe.org\/mallorca\/cladera-illa-i-puig-defensen-al-14e-congres-del-psib-psoe-la-descentralitzacio-de-ladministracio-i-un-nou-sistema-de-financament-equitatiu-treballat-des-de-la-cogovernanca\/\" title=\"Cladera, Illa i Puig defensen al 14\u00e8 Congr\u00e9s del PSIB-PSOE la descentralitzaci\u00f3 de l\u2019Administraci\u00f3 i un nou sistema de finan\u00e7ament equitatiu treballat des de la cogovernan\u00e7a\">Cladera, Illa i Puig defensen al 14\u00e8 Congr\u00e9s del PSIB-PSOE la descentralitzaci\u00f3 de l\u2019Administraci\u00f3 i un nou sistema de finan\u00e7ament equitatiu treballat des de la cogovernan\u00e7a<\/a><\/h3>\n\t\t\t<\/header>\n\t\t<\/div>\n\t\t<div class=\"post-content\">\n\t\t\t<a href=\"https:\/\/www.psib-psoe.org\/mallorca\/cladera-illa-i-puig-defensen-al-14e-congres-del-psib-psoe-la-descentralitzacio-de-ladministracio-i-un-nou-sistema-de-financament-equitatiu-treballat-des-de-la-cogovernanca\/\" class=\"more-link\">Read More<\/a>\n\t\t<\/div>\n\t\t\t<aside class=\"post-bottom-meta hide\">\n\t\t<strong rel=\"author\" itemprop=\"author\" class=\"author vcard\"><span class=\"fn\">Socialistes de Mallorca<\/span><\/strong>\n\t\t<time class=\"date published time\" datetime=\"2021-11-28T14:31:38+02:00\" itemprop=\"datePublished\" content=\"2021-11-28T14:31:38+02:00\">28\/11\/2021<\/time>\n\t\t<meta itemprop=\"dateModified\" class=\"date updated\" content=\"2021-11-30T15:15:36+02:00\">\n\t\t<span class=\"hide\" itemprop=\"publisher\" itemscope itemtype=\"https:\/\/schema.org\/Organization\">\n\t\t\t<meta itemprop=\"name\" content=\"SocialistesdMca\">\n\t\t\t<span itemprop=\"logo\" itemscope itemtype=\"https:\/\/schema.org\/ImageObject\">\n\t\t\t\t<meta itemprop=\"url\" content=\"https:\/\/www.psib-psoe.org\/mallorca\/wp-content\/themes\/notio-wp\/assets\/img\/logo.png\">\n\t\t\t<\/span>\n\t\t\t<meta itemprop=\"url\" content=\"https:\/\/www.psib-psoe.org\/mallorca\/\">\n\t\t<\/span>\n\t\t\t\t<span class=\"hide\" itemprop=\"image\" itemscope itemtype=\"http:\/\/schema.org\/ImageObject\">\n\t\t\t<meta itemprop=\"url\" content=\"https:\/\/www.psib-psoe.org\/mallorca\/wp-content\/uploads\/Col\u00b7loqui-Illa-puig-i-cladera-1.jpeg\">\n\t\t\t<meta itemprop=\"width\" content=\"1600\">\n\t\t\t<meta itemprop=\"height\" content=\"1066\">\n\t\t<\/span>\n\t\t\t\t<meta itemscope itemprop=\"mainEntityOfPage\" itemtype=\"https:\/\/schema.org\/WebPage\" itemid=\"https:\/\/www.psib-psoe.org\/mallorca\/cladera-illa-i-puig-defensen-al-14e-congres-del-psib-psoe-la-descentralitzacio-de-ladministracio-i-un-nou-sistema-de-financament-equitatiu-treballat-des-de-la-cogovernanca\/\">\n\t<\/aside>\n\t\t<\/article>\n<\/div>\n<div class=\"small-12 large-4 columns\">\n\t<article itemscope itemtype=\"http:\/\/schema.org\/Article\" class=\"post blog-style7 alt post-26278 type-post status-publish format-standard has-post-thumbnail hentry category-federacio-de-mallorca category-municipis category-opinio category-portada\" role=\"article\">\n\t\t<figure class=\"post-gallery\"><img loading=\"lazy\" decoding=\"async\" width=\"600\" height=\"400\" src=\"https:\/\/www.psib-psoe.org\/mallorca\/wp-content\/uploads\/WhatsApp-Image-2021-11-20-at-12.59.29-600x400.jpeg\" class=\"attachment-notio-general-x2 size-notio-general-x2 wp-post-image\" alt=\"\" srcset=\"https:\/\/www.psib-psoe.org\/mallorca\/wp-content\/uploads\/WhatsApp-Image-2021-11-20-at-12.59.29-600x400.jpeg 600w, https:\/\/www.psib-psoe.org\/mallorca\/wp-content\/uploads\/WhatsApp-Image-2021-11-20-at-12.59.29-300x200.jpeg 300w, https:\/\/www.psib-psoe.org\/mallorca\/wp-content\/uploads\/WhatsApp-Image-2021-11-20-at-12.59.29-768x512.jpeg 768w, https:\/\/www.psib-psoe.org\/mallorca\/wp-content\/uploads\/WhatsApp-Image-2021-11-20-at-12.59.29-1024x682.jpeg 1024w, https:\/\/www.psib-psoe.org\/mallorca\/wp-content\/uploads\/WhatsApp-Image-2021-11-20-at-12.59.29-150x100.jpeg 150w, https:\/\/www.psib-psoe.org\/mallorca\/wp-content\/uploads\/WhatsApp-Image-2021-11-20-at-12.59.29-900x600.jpeg 900w, https:\/\/www.psib-psoe.org\/mallorca\/wp-content\/uploads\/WhatsApp-Image-2021-11-20-at-12.59.29-20x13.jpeg 20w, https:\/\/www.psib-psoe.org\/mallorca\/wp-content\/uploads\/WhatsApp-Image-2021-11-20-at-12.59.29.jpeg 1280w\" sizes=\"(max-width: 600px) 100vw, 600px\" \/><\/figure>\n\t\t<div class=\"blog-top\">\n\t\t\t<header class=\"post-title entry-header\">\n\t\t\t\t<aside class=\"post-meta cf\">\n\t\t20\/11\/2021 \/ <a href=\"https:\/\/www.psib-psoe.org\/mallorca\/category\/federacio-de-mallorca\/\" rel=\"category tag\">Federaci\u00f3 de Mallorca<\/a>, <a href=\"https:\/\/www.psib-psoe.org\/mallorca\/category\/municipis\/\" rel=\"category tag\">Municipis<\/a>, <a href=\"https:\/\/www.psib-psoe.org\/mallorca\/category\/opinio\/\" rel=\"category tag\">Opini\u00f3<\/a>, <a href=\"https:\/\/www.psib-psoe.org\/mallorca\/category\/portada\/\" rel=\"category tag\">Portada<\/a><\/aside>\n\t\t\t\t<h3 itemprop=\"headline\"><a href=\"https:\/\/www.psib-psoe.org\/mallorca\/el-socialista-pep-jaume-assumeix-la-batlia-de-sant-llorenc-amb-el-compromis-davancar-en-la-recuperacio-justa-i-governar-amb-empenta-i-dialeg\/\" title=\"El socialista Pep Jaume assumeix la batlia de Sant Lloren\u00e7 amb el comprom\u00eds d\u2019avan\u00e7ar en la recuperaci\u00f3 justa i governar \u201camb empenta i di\u00e0leg\u201d\">El socialista Pep Jaume assumeix la batlia de Sant Lloren\u00e7 amb el comprom\u00eds d\u2019avan\u00e7ar en la recuperaci\u00f3 justa i governar \u201camb empenta i di\u00e0leg\u201d<\/a><\/h3>\n\t\t\t<\/header>\n\t\t<\/div>\n\t\t<div class=\"post-content\">\n\t\t\t<a href=\"https:\/\/www.psib-psoe.org\/mallorca\/el-socialista-pep-jaume-assumeix-la-batlia-de-sant-llorenc-amb-el-compromis-davancar-en-la-recuperacio-justa-i-governar-amb-empenta-i-dialeg\/\" class=\"more-link\">Read More<\/a>\n\t\t<\/div>\n\t\t\t<aside class=\"post-bottom-meta hide\">\n\t\t<strong rel=\"author\" itemprop=\"author\" class=\"author vcard\"><span class=\"fn\">Socialistes de Mallorca<\/span><\/strong>\n\t\t<time class=\"date published time\" datetime=\"2021-11-20T14:18:03+02:00\" itemprop=\"datePublished\" content=\"2021-11-20T14:18:03+02:00\">20\/11\/2021<\/time>\n\t\t<meta itemprop=\"dateModified\" class=\"date updated\" content=\"2021-11-20T14:18:03+02:00\">\n\t\t<span class=\"hide\" itemprop=\"publisher\" itemscope itemtype=\"https:\/\/schema.org\/Organization\">\n\t\t\t<meta itemprop=\"name\" content=\"SocialistesdMca\">\n\t\t\t<span itemprop=\"logo\" itemscope itemtype=\"https:\/\/schema.org\/ImageObject\">\n\t\t\t\t<meta itemprop=\"url\" content=\"https:\/\/www.psib-psoe.org\/mallorca\/wp-content\/themes\/notio-wp\/assets\/img\/logo.png\">\n\t\t\t<\/span>\n\t\t\t<meta itemprop=\"url\" content=\"https:\/\/www.psib-psoe.org\/mallorca\/\">\n\t\t<\/span>\n\t\t\t\t<span class=\"hide\" itemprop=\"image\" itemscope itemtype=\"http:\/\/schema.org\/ImageObject\">\n\t\t\t<meta itemprop=\"url\" content=\"https:\/\/www.psib-psoe.org\/mallorca\/wp-content\/uploads\/WhatsApp-Image-2021-11-20-at-12.59.29.jpeg\">\n\t\t\t<meta itemprop=\"width\" content=\"1280\">\n\t\t\t<meta itemprop=\"height\" content=\"853\">\n\t\t<\/span>\n\t\t\t\t<meta itemscope itemprop=\"mainEntityOfPage\" itemtype=\"https:\/\/schema.org\/WebPage\" itemid=\"https:\/\/www.psib-psoe.org\/mallorca\/el-socialista-pep-jaume-assumeix-la-batlia-de-sant-llorenc-amb-el-compromis-davancar-en-la-recuperacio-justa-i-governar-amb-empenta-i-dialeg\/\">\n\t<\/aside>\n\t\t<\/article>\n<\/div>\n<div class=\"small-12 large-4 columns\">\n\t<article itemscope itemtype=\"http:\/\/schema.org\/Article\" class=\"post blog-style7 alt post-26272 type-post status-publish format-standard has-post-thumbnail hentry category-federacio-de-mallorca category-municipis category-portada\" role=\"article\">\n\t\t<figure class=\"post-gallery\"><img loading=\"lazy\" decoding=\"async\" width=\"600\" height=\"400\" src=\"https:\/\/www.psib-psoe.org\/mallorca\/wp-content\/uploads\/photo_2021-06-11-14.03.38-600x400.jpeg\" class=\"attachment-notio-general-x2 size-notio-general-x2 wp-post-image\" alt=\"\" srcset=\"https:\/\/www.psib-psoe.org\/mallorca\/wp-content\/uploads\/photo_2021-06-11-14.03.38-600x400.jpeg 600w, https:\/\/www.psib-psoe.org\/mallorca\/wp-content\/uploads\/photo_2021-06-11-14.03.38-300x200.jpeg 300w, https:\/\/www.psib-psoe.org\/mallorca\/wp-content\/uploads\/photo_2021-06-11-14.03.38-900x600.jpeg 900w, https:\/\/www.psib-psoe.org\/mallorca\/wp-content\/uploads\/photo_2021-06-11-14.03.38-20x13.jpeg 20w\" sizes=\"(max-width: 600px) 100vw, 600px\" \/><\/figure>\n\t\t<div class=\"blog-top\">\n\t\t\t<header class=\"post-title entry-header\">\n\t\t\t\t<aside class=\"post-meta cf\">\n\t\t19\/11\/2021 \/ <a href=\"https:\/\/www.psib-psoe.org\/mallorca\/category\/federacio-de-mallorca\/\" rel=\"category tag\">Federaci\u00f3 de Mallorca<\/a>, <a href=\"https:\/\/www.psib-psoe.org\/mallorca\/category\/municipis\/\" rel=\"category tag\">Municipis<\/a>, <a href=\"https:\/\/www.psib-psoe.org\/mallorca\/category\/portada\/\" rel=\"category tag\">Portada<\/a><\/aside>\n\t\t\t\t<h3 itemprop=\"headline\"><a href=\"https:\/\/www.psib-psoe.org\/mallorca\/els-socialistes-de-felanitx-expressen-la-seva-preocupacio-davant-la-indemnitzacio-milionaria-que-haura-dassumir-lajuntament-tres-la-sentencia-del-suprem-sobre-la-zona-verda-de-portoc\/\" title=\"Els socialistes de Felanitx expressen la seva preocupaci\u00f3 davant la indemnitzaci\u00f3 milion\u00e0ria que haur\u00e0 d\u2019assumir l\u2019Ajuntament davant la sent\u00e8ncia del Suprem sobre la zona verda de Portocolom\">Els socialistes de Felanitx expressen la seva preocupaci\u00f3 davant la indemnitzaci\u00f3 milion\u00e0ria que haur\u00e0 d\u2019assumir l\u2019Ajuntament davant la sent\u00e8ncia del Suprem sobre la zona verda de Portocolom<\/a><\/h3>\n\t\t\t<\/header>\n\t\t<\/div>\n\t\t<div class=\"post-content\">\n\t\t\t<a href=\"https:\/\/www.psib-psoe.org\/mallorca\/els-socialistes-de-felanitx-expressen-la-seva-preocupacio-davant-la-indemnitzacio-milionaria-que-haura-dassumir-lajuntament-tres-la-sentencia-del-suprem-sobre-la-zona-verda-de-portoc\/\" class=\"more-link\">Read More<\/a>\n\t\t<\/div>\n\t\t\t<aside class=\"post-bottom-meta hide\">\n\t\t<strong rel=\"author\" itemprop=\"author\" class=\"author vcard\"><span class=\"fn\">Socialistes de Mallorca<\/span><\/strong>\n\t\t<time class=\"date published time\" datetime=\"2021-11-19T18:28:50+02:00\" itemprop=\"datePublished\" content=\"2021-11-19T18:28:50+02:00\">19\/11\/2021<\/time>\n\t\t<meta itemprop=\"dateModified\" class=\"date updated\" content=\"2021-11-19T18:39:38+02:00\">\n\t\t<span class=\"hide\" itemprop=\"publisher\" itemscope itemtype=\"https:\/\/schema.org\/Organization\">\n\t\t\t<meta itemprop=\"name\" content=\"SocialistesdMca\">\n\t\t\t<span itemprop=\"logo\" itemscope itemtype=\"https:\/\/schema.org\/ImageObject\">\n\t\t\t\t<meta itemprop=\"url\" content=\"https:\/\/www.psib-psoe.org\/mallorca\/wp-content\/themes\/notio-wp\/assets\/img\/logo.png\">\n\t\t\t<\/span>\n\t\t\t<meta itemprop=\"url\" content=\"https:\/\/www.psib-psoe.org\/mallorca\/\">\n\t\t<\/span>\n\t\t\t\t<span class=\"hide\" itemprop=\"image\" itemscope itemtype=\"http:\/\/schema.org\/ImageObject\">\n\t\t\t<meta itemprop=\"url\" content=\"https:\/\/www.psib-psoe.org\/mallorca\/wp-content\/uploads\/photo_2021-06-11-14.03.38.jpeg\">\n\t\t\t<meta itemprop=\"width\" content=\"960\">\n\t\t\t<meta itemprop=\"height\" content=\"1280\">\n\t\t<\/span>\n\t\t\t\t<meta itemscope itemprop=\"mainEntityOfPage\" itemtype=\"https:\/\/schema.org\/WebPage\" itemid=\"https:\/\/www.psib-psoe.org\/mallorca\/els-socialistes-de-felanitx-expressen-la-seva-preocupacio-davant-la-indemnitzacio-milionaria-que-haura-dassumir-lajuntament-tres-la-sentencia-del-suprem-sobre-la-zona-verda-de-portoc\/\">\n\t<\/aside>\n\t\t<\/article>\n<\/div>\n<div class=\"small-12 large-4 columns\">\n\t<article itemscope itemtype=\"http:\/\/schema.org\/Article\" class=\"post blog-style7 alt post-26258 type-post status-publish format-standard has-post-thumbnail hentry category-14e-congres-fsm category-federacio-de-mallorca category-portada tag-federacio-socialista-de-mallorca\" role=\"article\">\n\t\t<figure class=\"post-gallery\"><img loading=\"lazy\" decoding=\"async\" width=\"600\" height=\"400\" src=\"https:\/\/www.psib-psoe.org\/mallorca\/wp-content\/uploads\/Armengol-Cladera-Garrido-Ariany-20211110-600x400.jpg\" class=\"attachment-notio-general-x2 size-notio-general-x2 wp-post-image\" alt=\"\" srcset=\"https:\/\/www.psib-psoe.org\/mallorca\/wp-content\/uploads\/Armengol-Cladera-Garrido-Ariany-20211110-600x400.jpg 600w, https:\/\/www.psib-psoe.org\/mallorca\/wp-content\/uploads\/Armengol-Cladera-Garrido-Ariany-20211110-300x200.jpg 300w, https:\/\/www.psib-psoe.org\/mallorca\/wp-content\/uploads\/Armengol-Cladera-Garrido-Ariany-20211110-768x512.jpg 768w, https:\/\/www.psib-psoe.org\/mallorca\/wp-content\/uploads\/Armengol-Cladera-Garrido-Ariany-20211110-1024x683.jpg 1024w, https:\/\/www.psib-psoe.org\/mallorca\/wp-content\/uploads\/Armengol-Cladera-Garrido-Ariany-20211110-150x100.jpg 150w, https:\/\/www.psib-psoe.org\/mallorca\/wp-content\/uploads\/Armengol-Cladera-Garrido-Ariany-20211110-900x600.jpg 900w, https:\/\/www.psib-psoe.org\/mallorca\/wp-content\/uploads\/Armengol-Cladera-Garrido-Ariany-20211110-20x13.jpg 20w\" sizes=\"(max-width: 600px) 100vw, 600px\" \/><\/figure>\n\t\t<div class=\"blog-top\">\n\t\t\t<header class=\"post-title entry-header\">\n\t\t\t\t<aside class=\"post-meta cf\">\n\t\t11\/11\/2021 \/ <a href=\"https:\/\/www.psib-psoe.org\/mallorca\/category\/14e-congres-fsm\/\" rel=\"category tag\">14\u00e8 Congr\u00e9s FSM<\/a>, <a href=\"https:\/\/www.psib-psoe.org\/mallorca\/category\/federacio-de-mallorca\/\" rel=\"category tag\">Federaci\u00f3 de Mallorca<\/a>, <a href=\"https:\/\/www.psib-psoe.org\/mallorca\/category\/portada\/\" rel=\"category tag\">Portada<\/a><\/aside>\n\t\t\t\t<h3 itemprop=\"headline\"><a href=\"https:\/\/www.psib-psoe.org\/mallorca\/armengol-cladera-i-garrido-defensen-que-el-psib-psoe-es-el-partit-que-mes-sassembla-a-la-societat-de-les-illes-i-que-millor-pot-representar-els-seus-interessos\/\" title=\"Armengol, Cladera i Garrido defensen que el PSIB-PSOE \u201c\u00e9s el partit que m\u00e9s s\u2019assembla a la societat de les Illes i que millor pot representar els seus interessos\u201d\">Armengol, Cladera i Garrido defensen que el PSIB-PSOE \u201c\u00e9s el partit que m\u00e9s s\u2019assembla a la societat de les Illes i que millor pot representar els seus interessos\u201d<\/a><\/h3>\n\t\t\t<\/header>\n\t\t<\/div>\n\t\t<div class=\"post-content\">\n\t\t\t<a href=\"https:\/\/www.psib-psoe.org\/mallorca\/armengol-cladera-i-garrido-defensen-que-el-psib-psoe-es-el-partit-que-mes-sassembla-a-la-societat-de-les-illes-i-que-millor-pot-representar-els-seus-interessos\/\" class=\"more-link\">Read More<\/a>\n\t\t<\/div>\n\t\t\t<aside class=\"post-bottom-meta hide\">\n\t\t<strong rel=\"author\" itemprop=\"author\" class=\"author vcard\"><span class=\"fn\">adminpsib<\/span><\/strong>\n\t\t<time class=\"date published time\" datetime=\"2021-11-11T00:04:50+02:00\" itemprop=\"datePublished\" content=\"2021-11-11T00:04:50+02:00\">11\/11\/2021<\/time>\n\t\t<meta itemprop=\"dateModified\" class=\"date updated\" content=\"2021-11-11T00:05:41+02:00\">\n\t\t<span class=\"hide\" itemprop=\"publisher\" itemscope itemtype=\"https:\/\/schema.org\/Organization\">\n\t\t\t<meta itemprop=\"name\" content=\"SocialistesdMca\">\n\t\t\t<span itemprop=\"logo\" itemscope itemtype=\"https:\/\/schema.org\/ImageObject\">\n\t\t\t\t<meta itemprop=\"url\" content=\"https:\/\/www.psib-psoe.org\/mallorca\/wp-content\/themes\/notio-wp\/assets\/img\/logo.png\">\n\t\t\t<\/span>\n\t\t\t<meta itemprop=\"url\" content=\"https:\/\/www.psib-psoe.org\/mallorca\/\">\n\t\t<\/span>\n\t\t\t\t<span class=\"hide\" itemprop=\"image\" itemscope itemtype=\"http:\/\/schema.org\/ImageObject\">\n\t\t\t<meta itemprop=\"url\" content=\"https:\/\/www.psib-psoe.org\/mallorca\/wp-content\/uploads\/Armengol-Cladera-Garrido-Ariany-20211110.jpg\">\n\t\t\t<meta itemprop=\"width\" content=\"3720\">\n\t\t\t<meta itemprop=\"height\" content=\"2480\">\n\t\t<\/span>\n\t\t\t\t<meta itemscope itemprop=\"mainEntityOfPage\" itemtype=\"https:\/\/schema.org\/WebPage\" itemid=\"https:\/\/www.psib-psoe.org\/mallorca\/armengol-cladera-i-garrido-defensen-que-el-psib-psoe-es-el-partit-que-mes-sassembla-a-la-societat-de-les-illes-i-que-millor-pot-representar-els-seus-interessos\/\">\n\t<\/aside>\n\t\t<\/article>\n<\/div>\n<div class=\"small-12 large-4 columns\">\n\t<article itemscope itemtype=\"http:\/\/schema.org\/Article\" class=\"post blog-style7 alt post-26253 type-post status-publish format-standard has-post-thumbnail hentry category-federacio-de-mallorca category-municipis category-portada\" role=\"article\">\n\t\t<figure class=\"post-gallery\"><img loading=\"lazy\" decoding=\"async\" width=\"600\" height=\"400\" src=\"https:\/\/www.psib-psoe.org\/mallorca\/wp-content\/uploads\/Socialistes-de-S\u00f3ller-al-ple-de-lAjuntament.-600x400.jpeg\" class=\"attachment-notio-general-x2 size-notio-general-x2 wp-post-image\" alt=\"\" srcset=\"https:\/\/www.psib-psoe.org\/mallorca\/wp-content\/uploads\/Socialistes-de-S\u00f3ller-al-ple-de-lAjuntament.-600x400.jpeg 600w, https:\/\/www.psib-psoe.org\/mallorca\/wp-content\/uploads\/Socialistes-de-S\u00f3ller-al-ple-de-lAjuntament.-300x200.jpeg 300w, https:\/\/www.psib-psoe.org\/mallorca\/wp-content\/uploads\/Socialistes-de-S\u00f3ller-al-ple-de-lAjuntament.-900x600.jpeg 900w, https:\/\/www.psib-psoe.org\/mallorca\/wp-content\/uploads\/Socialistes-de-S\u00f3ller-al-ple-de-lAjuntament.-20x13.jpeg 20w\" sizes=\"(max-width: 600px) 100vw, 600px\" \/><\/figure>\n\t\t<div class=\"blog-top\">\n\t\t\t<header class=\"post-title entry-header\">\n\t\t\t\t<aside class=\"post-meta cf\">\n\t\t10\/11\/2021 \/ <a href=\"https:\/\/www.psib-psoe.org\/mallorca\/category\/federacio-de-mallorca\/\" rel=\"category tag\">Federaci\u00f3 de Mallorca<\/a>, <a href=\"https:\/\/www.psib-psoe.org\/mallorca\/category\/municipis\/\" rel=\"category tag\">Municipis<\/a>, <a href=\"https:\/\/www.psib-psoe.org\/mallorca\/category\/portada\/\" rel=\"category tag\">Portada<\/a><\/aside>\n\t\t\t\t<h3 itemprop=\"headline\"><a href=\"https:\/\/www.psib-psoe.org\/mallorca\/els-socialistes-de-soller-lamenten-que-lajuntament-no-vulgui-aprovar-una-baixada-de-libi-dacord-amb-les-necessitats-reals-dels-ciutadans-i-ciutadanes\/\" title=\"Els Socialistes de S\u00f3ller lamenten que l\u2019Ajuntament no vulgui aprovar una baixada de l\u2019IBI d\u2019acord amb les necessitats reals dels ciutadans i ciutadanes\">Els Socialistes de S\u00f3ller lamenten que l\u2019Ajuntament no vulgui aprovar una baixada de l\u2019IBI d\u2019acord amb les necessitats reals dels ciutadans i ciutadanes<\/a><\/h3>\n\t\t\t<\/header>\n\t\t<\/div>\n\t\t<div class=\"post-content\">\n\t\t\t<a href=\"https:\/\/www.psib-psoe.org\/mallorca\/els-socialistes-de-soller-lamenten-que-lajuntament-no-vulgui-aprovar-una-baixada-de-libi-dacord-amb-les-necessitats-reals-dels-ciutadans-i-ciutadanes\/\" class=\"more-link\">Read More<\/a>\n\t\t<\/div>\n\t\t\t<aside class=\"post-bottom-meta hide\">\n\t\t<strong rel=\"author\" itemprop=\"author\" class=\"author vcard\"><span class=\"fn\">Socialistes de Mallorca<\/span><\/strong>\n\t\t<time class=\"date published time\" datetime=\"2021-11-10T14:10:48+02:00\" itemprop=\"datePublished\" content=\"2021-11-10T14:10:48+02:00\">10\/11\/2021<\/time>\n\t\t<meta itemprop=\"dateModified\" class=\"date updated\" content=\"2021-11-10T14:10:48+02:00\">\n\t\t<span class=\"hide\" itemprop=\"publisher\" itemscope itemtype=\"https:\/\/schema.org\/Organization\">\n\t\t\t<meta itemprop=\"name\" content=\"SocialistesdMca\">\n\t\t\t<span itemprop=\"logo\" itemscope itemtype=\"https:\/\/schema.org\/ImageObject\">\n\t\t\t\t<meta itemprop=\"url\" content=\"https:\/\/www.psib-psoe.org\/mallorca\/wp-content\/themes\/notio-wp\/assets\/img\/logo.png\">\n\t\t\t<\/span>\n\t\t\t<meta itemprop=\"url\" content=\"https:\/\/www.psib-psoe.org\/mallorca\/\">\n\t\t<\/span>\n\t\t\t\t<span class=\"hide\" itemprop=\"image\" itemscope itemtype=\"http:\/\/schema.org\/ImageObject\">\n\t\t\t<meta itemprop=\"url\" content=\"https:\/\/www.psib-psoe.org\/mallorca\/wp-content\/uploads\/Socialistes-de-S\u00f3ller-al-ple-de-lAjuntament..jpeg\">\n\t\t\t<meta itemprop=\"width\" content=\"2048\">\n\t\t\t<meta itemprop=\"height\" content=\"1535\">\n\t\t<\/span>\n\t\t\t\t<meta itemscope itemprop=\"mainEntityOfPage\" itemtype=\"https:\/\/schema.org\/WebPage\" itemid=\"https:\/\/www.psib-psoe.org\/mallorca\/els-socialistes-de-soller-lamenten-que-lajuntament-no-vulgui-aprovar-una-baixada-de-libi-dacord-amb-les-necessitats-reals-dels-ciutadans-i-ciutadanes\/\">\n\t<\/aside>\n\t\t<\/article>\n<\/div>\n<div class=\"small-12 large-4 columns\">\n\t<article itemscope itemtype=\"http:\/\/schema.org\/Article\" class=\"post blog-style7 alt post-26242 type-post status-publish format-standard has-post-thumbnail hentry category-federacio-de-mallorca tag-federacio-socialista-de-mallorca\" role=\"article\">\n\t\t<figure class=\"post-gallery\"><img loading=\"lazy\" decoding=\"async\" width=\"600\" height=\"400\" src=\"https:\/\/www.psib-psoe.org\/mallorca\/wp-content\/uploads\/20211108_ACTE-MINISTRA-EDUCACIO_HILA_ARMENGOL_ALEGRIA_CLADERA-600x400.jpg\" class=\"attachment-notio-general-x2 size-notio-general-x2 wp-post-image\" alt=\"\" srcset=\"https:\/\/www.psib-psoe.org\/mallorca\/wp-content\/uploads\/20211108_ACTE-MINISTRA-EDUCACIO_HILA_ARMENGOL_ALEGRIA_CLADERA-600x400.jpg 600w, https:\/\/www.psib-psoe.org\/mallorca\/wp-content\/uploads\/20211108_ACTE-MINISTRA-EDUCACIO_HILA_ARMENGOL_ALEGRIA_CLADERA-300x200.jpg 300w, https:\/\/www.psib-psoe.org\/mallorca\/wp-content\/uploads\/20211108_ACTE-MINISTRA-EDUCACIO_HILA_ARMENGOL_ALEGRIA_CLADERA-900x600.jpg 900w, https:\/\/www.psib-psoe.org\/mallorca\/wp-content\/uploads\/20211108_ACTE-MINISTRA-EDUCACIO_HILA_ARMENGOL_ALEGRIA_CLADERA-20x13.jpg 20w\" sizes=\"(max-width: 600px) 100vw, 600px\" \/><\/figure>\n\t\t<div class=\"blog-top\">\n\t\t\t<header class=\"post-title entry-header\">\n\t\t\t\t<aside class=\"post-meta cf\">\n\t\t08\/11\/2021 \/ <a href=\"https:\/\/www.psib-psoe.org\/mallorca\/category\/federacio-de-mallorca\/\" rel=\"category tag\">Federaci\u00f3 de Mallorca<\/a><\/aside>\n\t\t\t\t<h3 itemprop=\"headline\"><a href=\"https:\/\/www.psib-psoe.org\/mallorca\/pilar-alegria-defensa-a-les-illes-balears-que-el-partit-socialista-es-leina-basica-per-donar-solucions-als-problemes-de-la-gent-i-aixo-mai-no-canviara\/\" title=\"Pilar Alegria defensa a les Illes Balears que \u201cel Partit Socialista \u00e9s l\u2019eina b\u00e0sica per donar solucions als problemes de la gent, i aix\u00f2 mai no canviar\u00e0\u201d\">Pilar Alegria defensa a les Illes Balears que \u201cel Partit Socialista \u00e9s l\u2019eina b\u00e0sica per donar solucions als problemes de la gent, i aix\u00f2 mai no canviar\u00e0\u201d<\/a><\/h3>\n\t\t\t<\/header>\n\t\t<\/div>\n\t\t<div class=\"post-content\">\n\t\t\t<a href=\"https:\/\/www.psib-psoe.org\/mallorca\/pilar-alegria-defensa-a-les-illes-balears-que-el-partit-socialista-es-leina-basica-per-donar-solucions-als-problemes-de-la-gent-i-aixo-mai-no-canviara\/\" class=\"more-link\">Read More<\/a>\n\t\t<\/div>\n\t\t\t<aside class=\"post-bottom-meta hide\">\n\t\t<strong rel=\"author\" itemprop=\"author\" class=\"author vcard\"><span class=\"fn\">adminpsib<\/span><\/strong>\n\t\t<time class=\"date published time\" datetime=\"2021-11-08T23:32:52+02:00\" itemprop=\"datePublished\" content=\"2021-11-08T23:32:52+02:00\">08\/11\/2021<\/time>\n\t\t<meta itemprop=\"dateModified\" class=\"date updated\" content=\"2021-11-08T23:32:52+02:00\">\n\t\t<span class=\"hide\" itemprop=\"publisher\" itemscope itemtype=\"https:\/\/schema.org\/Organization\">\n\t\t\t<meta itemprop=\"name\" content=\"SocialistesdMca\">\n\t\t\t<span itemprop=\"logo\" itemscope itemtype=\"https:\/\/schema.org\/ImageObject\">\n\t\t\t\t<meta itemprop=\"url\" content=\"https:\/\/www.psib-psoe.org\/mallorca\/wp-content\/themes\/notio-wp\/assets\/img\/logo.png\">\n\t\t\t<\/span>\n\t\t\t<meta itemprop=\"url\" content=\"https:\/\/www.psib-psoe.org\/mallorca\/\">\n\t\t<\/span>\n\t\t\t\t<span class=\"hide\" itemprop=\"image\" itemscope itemtype=\"http:\/\/schema.org\/ImageObject\">\n\t\t\t<meta itemprop=\"url\" content=\"https:\/\/www.psib-psoe.org\/mallorca\/wp-content\/uploads\/20211108_ACTE-MINISTRA-EDUCACIO_HILA_ARMENGOL_ALEGRIA_CLADERA.jpg\">\n\t\t\t<meta itemprop=\"width\" content=\"4032\">\n\t\t\t<meta itemprop=\"height\" content=\"3024\">\n\t\t<\/span>\n\t\t\t\t<meta itemscope itemprop=\"mainEntityOfPage\" itemtype=\"https:\/\/schema.org\/WebPage\" itemid=\"https:\/\/www.psib-psoe.org\/mallorca\/pilar-alegria-defensa-a-les-illes-balears-que-el-partit-socialista-es-leina-basica-per-donar-solucions-als-problemes-de-la-gent-i-aixo-mai-no-canviara\/\">\n\t<\/aside>\n\t\t<\/article>\n<\/div>\n<div class=\"small-12 large-4 columns\">\n\t<article itemscope itemtype=\"http:\/\/schema.org\/Article\" class=\"post blog-style7 alt post-26239 type-post status-publish format-standard has-post-thumbnail hentry category-federacio-de-mallorca category-municipis category-portada\" role=\"article\">\n\t\t<figure class=\"post-gallery\"><img loading=\"lazy\" decoding=\"async\" width=\"600\" height=\"400\" src=\"https:\/\/www.psib-psoe.org\/mallorca\/wp-content\/uploads\/Gori-Estarellas-Llucmajor-600x400.jpeg\" class=\"attachment-notio-general-x2 size-notio-general-x2 wp-post-image\" alt=\"\" srcset=\"https:\/\/www.psib-psoe.org\/mallorca\/wp-content\/uploads\/Gori-Estarellas-Llucmajor-600x400.jpeg 600w, https:\/\/www.psib-psoe.org\/mallorca\/wp-content\/uploads\/Gori-Estarellas-Llucmajor-300x200.jpeg 300w, https:\/\/www.psib-psoe.org\/mallorca\/wp-content\/uploads\/Gori-Estarellas-Llucmajor-768x512.jpeg 768w, https:\/\/www.psib-psoe.org\/mallorca\/wp-content\/uploads\/Gori-Estarellas-Llucmajor-150x100.jpeg 150w, https:\/\/www.psib-psoe.org\/mallorca\/wp-content\/uploads\/Gori-Estarellas-Llucmajor-900x600.jpeg 900w, https:\/\/www.psib-psoe.org\/mallorca\/wp-content\/uploads\/Gori-Estarellas-Llucmajor-20x13.jpeg 20w, https:\/\/www.psib-psoe.org\/mallorca\/wp-content\/uploads\/Gori-Estarellas-Llucmajor.jpeg 1000w\" sizes=\"(max-width: 600px) 100vw, 600px\" \/><\/figure>\n\t\t<div class=\"blog-top\">\n\t\t\t<header class=\"post-title entry-header\">\n\t\t\t\t<aside class=\"post-meta cf\">\n\t\t08\/11\/2021 \/ <a href=\"https:\/\/www.psib-psoe.org\/mallorca\/category\/federacio-de-mallorca\/\" rel=\"category tag\">Federaci\u00f3 de Mallorca<\/a>, <a href=\"https:\/\/www.psib-psoe.org\/mallorca\/category\/municipis\/\" rel=\"category tag\">Municipis<\/a>, <a href=\"https:\/\/www.psib-psoe.org\/mallorca\/category\/portada\/\" rel=\"category tag\">Portada<\/a><\/aside>\n\t\t\t\t<h3 itemprop=\"headline\"><a href=\"https:\/\/www.psib-psoe.org\/mallorca\/els-socialistes-de-llucmajor-lamenten-la-mancanca-dajuts-a-empresaris-i-autonoms-del-municipi-per-part-dun-ajuntament-que-gasta-en-cinc-mesos-2-500-e-en-ambientadors\/\" title=\"Els Socialistes de Llucmajor lamenten la mancan\u00e7a d\u2019ajuts a empresaris i aut\u00f2noms del municipi per part d\u2019un ajuntament que gasta, en cinc mesos, 2.500 \u20ac en ambientadors\">Els Socialistes de Llucmajor lamenten la mancan\u00e7a d\u2019ajuts a empresaris i aut\u00f2noms del municipi per part d\u2019un ajuntament que gasta, en cinc mesos, 2.500 \u20ac en ambientadors<\/a><\/h3>\n\t\t\t<\/header>\n\t\t<\/div>\n\t\t<div class=\"post-content\">\n\t\t\t<a href=\"https:\/\/www.psib-psoe.org\/mallorca\/els-socialistes-de-llucmajor-lamenten-la-mancanca-dajuts-a-empresaris-i-autonoms-del-municipi-per-part-dun-ajuntament-que-gasta-en-cinc-mesos-2-500-e-en-ambientadors\/\" class=\"more-link\">Read More<\/a>\n\t\t<\/div>\n\t\t\t<aside class=\"post-bottom-meta hide\">\n\t\t<strong rel=\"author\" itemprop=\"author\" class=\"author vcard\"><span class=\"fn\">Socialistes de Mallorca<\/span><\/strong>\n\t\t<time class=\"date published time\" datetime=\"2021-11-08T12:37:32+02:00\" itemprop=\"datePublished\" content=\"2021-11-08T12:37:32+02:00\">08\/11\/2021<\/time>\n\t\t<meta itemprop=\"dateModified\" class=\"date updated\" content=\"2021-11-08T12:37:32+02:00\">\n\t\t<span class=\"hide\" itemprop=\"publisher\" itemscope itemtype=\"https:\/\/schema.org\/Organization\">\n\t\t\t<meta itemprop=\"name\" content=\"SocialistesdMca\">\n\t\t\t<span itemprop=\"logo\" itemscope itemtype=\"https:\/\/schema.org\/ImageObject\">\n\t\t\t\t<meta itemprop=\"url\" content=\"https:\/\/www.psib-psoe.org\/mallorca\/wp-content\/themes\/notio-wp\/assets\/img\/logo.png\">\n\t\t\t<\/span>\n\t\t\t<meta itemprop=\"url\" content=\"https:\/\/www.psib-psoe.org\/mallorca\/\">\n\t\t<\/span>\n\t\t\t\t<span class=\"hide\" itemprop=\"image\" itemscope itemtype=\"http:\/\/schema.org\/ImageObject\">\n\t\t\t<meta itemprop=\"url\" content=\"https:\/\/www.psib-psoe.org\/mallorca\/wp-content\/uploads\/Gori-Estarellas-Llucmajor.jpeg\">\n\t\t\t<meta itemprop=\"width\" content=\"1000\">\n\t\t\t<meta itemprop=\"height\" content=\"667\">\n\t\t<\/span>\n\t\t\t\t<meta itemscope itemprop=\"mainEntityOfPage\" itemtype=\"https:\/\/schema.org\/WebPage\" itemid=\"https:\/\/www.psib-psoe.org\/mallorca\/els-socialistes-de-llucmajor-lamenten-la-mancanca-dajuts-a-empresaris-i-autonoms-del-municipi-per-part-dun-ajuntament-que-gasta-en-cinc-mesos-2-500-e-en-ambientadors\/\">\n\t<\/aside>\n\t\t<\/article>\n<\/div>\n<div class=\"small-12 large-4 columns\">\n\t<article itemscope itemtype=\"http:\/\/schema.org\/Article\" class=\"post blog-style7 alt post-26237 type-post status-publish format-standard has-post-thumbnail hentry category-federacio-de-mallorca category-municipis category-portada\" role=\"article\">\n\t\t<figure class=\"post-gallery\"><img loading=\"lazy\" decoding=\"async\" width=\"600\" height=\"400\" src=\"https:\/\/www.psib-psoe.org\/mallorca\/wp-content\/uploads\/Socialistes-de-Felanitx-600x400.png\" class=\"attachment-notio-general-x2 size-notio-general-x2 wp-post-image\" alt=\"\" srcset=\"https:\/\/www.psib-psoe.org\/mallorca\/wp-content\/uploads\/Socialistes-de-Felanitx-600x400.png 600w, https:\/\/www.psib-psoe.org\/mallorca\/wp-content\/uploads\/Socialistes-de-Felanitx-300x200.png 300w, https:\/\/www.psib-psoe.org\/mallorca\/wp-content\/uploads\/Socialistes-de-Felanitx-20x13.png 20w, https:\/\/www.psib-psoe.org\/mallorca\/wp-content\/uploads\/Socialistes-de-Felanitx-900x600.png 900w\" sizes=\"(max-width: 600px) 100vw, 600px\" \/><\/figure>\n\t\t<div class=\"blog-top\">\n\t\t\t<header class=\"post-title entry-header\">\n\t\t\t\t<aside class=\"post-meta cf\">\n\t\t06\/11\/2021 \/ <a href=\"https:\/\/www.psib-psoe.org\/mallorca\/category\/federacio-de-mallorca\/\" rel=\"category tag\">Federaci\u00f3 de Mallorca<\/a>, <a href=\"https:\/\/www.psib-psoe.org\/mallorca\/category\/municipis\/\" rel=\"category tag\">Municipis<\/a>, <a href=\"https:\/\/www.psib-psoe.org\/mallorca\/category\/portada\/\" rel=\"category tag\">Portada<\/a><\/aside>\n\t\t\t\t<h3 itemprop=\"headline\"><a href=\"https:\/\/www.psib-psoe.org\/mallorca\/els-socialistes-de-felanitx-denuncien-el-flagrant-cas-de-nepotisme-de-catalina-soler-i-demanen-la-seva-dimissio-la-del-batle-i-la-del-regidor-transfuga\/\" title=\"Els Socialistes de Felanitx denuncien \u201cel flagrant cas de nepotisme de Catalina Soler\u201d i demanen la seva dimissi\u00f3, la del batle i la del regidor tr\u00e0nsfuga\">Els Socialistes de Felanitx denuncien \u201cel flagrant cas de nepotisme de Catalina Soler\u201d i demanen la seva dimissi\u00f3, la del batle i la del regidor tr\u00e0nsfuga<\/a><\/h3>\n\t\t\t<\/header>\n\t\t<\/div>\n\t\t<div class=\"post-content\">\n\t\t\t<a href=\"https:\/\/www.psib-psoe.org\/mallorca\/els-socialistes-de-felanitx-denuncien-el-flagrant-cas-de-nepotisme-de-catalina-soler-i-demanen-la-seva-dimissio-la-del-batle-i-la-del-regidor-transfuga\/\" class=\"more-link\">Read More<\/a>\n\t\t<\/div>\n\t\t\t<aside class=\"post-bottom-meta hide\">\n\t\t<strong rel=\"author\" itemprop=\"author\" class=\"author vcard\"><span class=\"fn\">Socialistes de Mallorca<\/span><\/strong>\n\t\t<time class=\"date published time\" datetime=\"2021-11-06T11:31:47+02:00\" itemprop=\"datePublished\" content=\"2021-11-06T11:31:47+02:00\">06\/11\/2021<\/time>\n\t\t<meta itemprop=\"dateModified\" class=\"date updated\" content=\"2021-11-06T11:31:47+02:00\">\n\t\t<span class=\"hide\" itemprop=\"publisher\" itemscope itemtype=\"https:\/\/schema.org\/Organization\">\n\t\t\t<meta itemprop=\"name\" content=\"SocialistesdMca\">\n\t\t\t<span itemprop=\"logo\" itemscope itemtype=\"https:\/\/schema.org\/ImageObject\">\n\t\t\t\t<meta itemprop=\"url\" content=\"https:\/\/www.psib-psoe.org\/mallorca\/wp-content\/themes\/notio-wp\/assets\/img\/logo.png\">\n\t\t\t<\/span>\n\t\t\t<meta itemprop=\"url\" content=\"https:\/\/www.psib-psoe.org\/mallorca\/\">\n\t\t<\/span>\n\t\t\t\t<span class=\"hide\" itemprop=\"image\" itemscope itemtype=\"http:\/\/schema.org\/ImageObject\">\n\t\t\t<meta itemprop=\"url\" content=\"https:\/\/www.psib-psoe.org\/mallorca\/wp-content\/uploads\/Socialistes-de-Felanitx.png\">\n\t\t\t<meta itemprop=\"width\" content=\"1676\">\n\t\t\t<meta itemprop=\"height\" content=\"1142\">\n\t\t<\/span>\n\t\t\t\t<meta itemscope itemprop=\"mainEntityOfPage\" itemtype=\"https:\/\/schema.org\/WebPage\" itemid=\"https:\/\/www.psib-psoe.org\/mallorca\/els-socialistes-de-felanitx-denuncien-el-flagrant-cas-de-nepotisme-de-catalina-soler-i-demanen-la-seva-dimissio-la-del-batle-i-la-del-regidor-transfuga\/\">\n\t<\/aside>\n\t\t<\/article>\n<\/div>\n<div class=\"small-12 large-4 columns\">\n\t<article itemscope itemtype=\"http:\/\/schema.org\/Article\" class=\"post blog-style7 alt post-26230 type-post status-publish format-standard has-post-thumbnail hentry category-federacio-de-mallorca category-municipis category-portada\" role=\"article\">\n\t\t<figure class=\"post-gallery\"><img loading=\"lazy\" decoding=\"async\" width=\"600\" height=\"400\" src=\"https:\/\/www.psib-psoe.org\/mallorca\/wp-content\/uploads\/210812-agrupaci\u00f3-mudan\u00e7a-seu-1-e1640690103432-600x400.jpeg\" class=\"attachment-notio-general-x2 size-notio-general-x2 wp-post-image\" alt=\"\" srcset=\"https:\/\/www.psib-psoe.org\/mallorca\/wp-content\/uploads\/210812-agrupaci\u00f3-mudan\u00e7a-seu-1-e1640690103432-600x400.jpeg 600w, https:\/\/www.psib-psoe.org\/mallorca\/wp-content\/uploads\/210812-agrupaci\u00f3-mudan\u00e7a-seu-1-e1640690103432-300x200.jpeg 300w, https:\/\/www.psib-psoe.org\/mallorca\/wp-content\/uploads\/210812-agrupaci\u00f3-mudan\u00e7a-seu-1-e1640690103432-20x13.jpeg 20w, https:\/\/www.psib-psoe.org\/mallorca\/wp-content\/uploads\/210812-agrupaci\u00f3-mudan\u00e7a-seu-1-e1640690103432-900x600.jpeg 900w\" sizes=\"(max-width: 600px) 100vw, 600px\" \/><\/figure>\n\t\t<div class=\"blog-top\">\n\t\t\t<header class=\"post-title entry-header\">\n\t\t\t\t<aside class=\"post-meta cf\">\n\t\t04\/11\/2021 \/ <a href=\"https:\/\/www.psib-psoe.org\/mallorca\/category\/federacio-de-mallorca\/\" rel=\"category tag\">Federaci\u00f3 de Mallorca<\/a>, <a href=\"https:\/\/www.psib-psoe.org\/mallorca\/category\/municipis\/\" rel=\"category tag\">Municipis<\/a>, <a href=\"https:\/\/www.psib-psoe.org\/mallorca\/category\/portada\/\" rel=\"category tag\">Portada<\/a><\/aside>\n\t\t\t\t<h3 itemprop=\"headline\"><a href=\"https:\/\/www.psib-psoe.org\/mallorca\/els-socialistes-de-llucmajor-denuncien-la-incompetencia-de-lajuntament-en-ladquisicio-del-solar-del-futur-centre-de-salut-del-municipi\/\" title=\"Els Socialistes de Llucmajor denuncien la incompet\u00e8ncia de l&#8217;Ajuntament en l&#8217;adquisici\u00f3 del solar del futur centre de salut del municipi\">Els Socialistes de Llucmajor denuncien la incompet\u00e8ncia de l&#8217;Ajuntament en l&#8217;adquisici\u00f3 del solar del futur centre de salut del municipi<\/a><\/h3>\n\t\t\t<\/header>\n\t\t<\/div>\n\t\t<div class=\"post-content\">\n\t\t\t<a href=\"https:\/\/www.psib-psoe.org\/mallorca\/els-socialistes-de-llucmajor-denuncien-la-incompetencia-de-lajuntament-en-ladquisicio-del-solar-del-futur-centre-de-salut-del-municipi\/\" class=\"more-link\">Read More<\/a>\n\t\t<\/div>\n\t\t\t<aside class=\"post-bottom-meta hide\">\n\t\t<strong rel=\"author\" itemprop=\"author\" class=\"author vcard\"><span class=\"fn\">Socialistes de Mallorca<\/span><\/strong>\n\t\t<time class=\"date published time\" datetime=\"2021-11-04T13:50:49+02:00\" itemprop=\"datePublished\" content=\"2021-11-04T13:50:49+02:00\">04\/11\/2021<\/time>\n\t\t<meta itemprop=\"dateModified\" class=\"date updated\" content=\"2021-11-04T13:57:31+02:00\">\n\t\t<span class=\"hide\" itemprop=\"publisher\" itemscope itemtype=\"https:\/\/schema.org\/Organization\">\n\t\t\t<meta itemprop=\"name\" content=\"SocialistesdMca\">\n\t\t\t<span itemprop=\"logo\" itemscope itemtype=\"https:\/\/schema.org\/ImageObject\">\n\t\t\t\t<meta itemprop=\"url\" content=\"https:\/\/www.psib-psoe.org\/mallorca\/wp-content\/themes\/notio-wp\/assets\/img\/logo.png\">\n\t\t\t<\/span>\n\t\t\t<meta itemprop=\"url\" content=\"https:\/\/www.psib-psoe.org\/mallorca\/\">\n\t\t<\/span>\n\t\t\t\t<span class=\"hide\" itemprop=\"image\" itemscope itemtype=\"http:\/\/schema.org\/ImageObject\">\n\t\t\t<meta itemprop=\"url\" content=\"https:\/\/www.psib-psoe.org\/mallorca\/wp-content\/uploads\/210812-agrupaci\u00f3-mudan\u00e7a-seu-1-e1640690103432.jpeg\">\n\t\t\t<meta itemprop=\"width\" content=\"1592\">\n\t\t\t<meta itemprop=\"height\" content=\"982\">\n\t\t<\/span>\n\t\t\t\t<meta itemscope itemprop=\"mainEntityOfPage\" itemtype=\"https:\/\/schema.org\/WebPage\" itemid=\"https:\/\/www.psib-psoe.org\/mallorca\/els-socialistes-de-llucmajor-denuncien-la-incompetencia-de-lajuntament-en-ladquisicio-del-solar-del-futur-centre-de-salut-del-municipi\/\">\n\t<\/aside>\n\t\t<\/article>\n<\/div>\n<div class=\"small-12 large-4 columns\">\n\t<article itemscope itemtype=\"http:\/\/schema.org\/Article\" class=\"post blog-style7 alt post-26224 type-post status-publish format-standard has-post-thumbnail hentry category-federacio-de-mallorca category-municipis category-portada\" role=\"article\">\n\t\t<figure class=\"post-gallery\"><img loading=\"lazy\" decoding=\"async\" width=\"600\" height=\"400\" src=\"https:\/\/www.psib-psoe.org\/mallorca\/wp-content\/uploads\/photo_2021-10-27-10.55.35-e1638870056468-600x400.jpeg\" class=\"attachment-notio-general-x2 size-notio-general-x2 wp-post-image\" alt=\"\" srcset=\"https:\/\/www.psib-psoe.org\/mallorca\/wp-content\/uploads\/photo_2021-10-27-10.55.35-e1638870056468-600x400.jpeg 600w, https:\/\/www.psib-psoe.org\/mallorca\/wp-content\/uploads\/photo_2021-10-27-10.55.35-e1638870056468-300x200.jpeg 300w, https:\/\/www.psib-psoe.org\/mallorca\/wp-content\/uploads\/photo_2021-10-27-10.55.35-e1638870056468-20x13.jpeg 20w\" sizes=\"(max-width: 600px) 100vw, 600px\" \/><\/figure>\n\t\t<div class=\"blog-top\">\n\t\t\t<header class=\"post-title entry-header\">\n\t\t\t\t<aside class=\"post-meta cf\">\n\t\t27\/10\/2021 \/ <a href=\"https:\/\/www.psib-psoe.org\/mallorca\/category\/federacio-de-mallorca\/\" rel=\"category tag\">Federaci\u00f3 de Mallorca<\/a>, <a href=\"https:\/\/www.psib-psoe.org\/mallorca\/category\/municipis\/\" rel=\"category tag\">Municipis<\/a>, <a href=\"https:\/\/www.psib-psoe.org\/mallorca\/category\/portada\/\" rel=\"category tag\">Portada<\/a><\/aside>\n\t\t\t\t<h3 itemprop=\"headline\"><a href=\"https:\/\/www.psib-psoe.org\/mallorca\/el-grup-municipal-socialista-de-llucmajor-denuncia-irregularitats-en-la-gestio-de-les-despeses-de-lajuntament-durant-lany-2020\/\" title=\"El grup municipal socialista de Llucmajor denuncia irregularitats en la gesti\u00f3 de les despeses de l\u2019Ajuntament durant l\u2019any 2020\">El grup municipal socialista de Llucmajor denuncia irregularitats en la gesti\u00f3 de les despeses de l\u2019Ajuntament durant l\u2019any 2020<\/a><\/h3>\n\t\t\t<\/header>\n\t\t<\/div>\n\t\t<div class=\"post-content\">\n\t\t\t<a href=\"https:\/\/www.psib-psoe.org\/mallorca\/el-grup-municipal-socialista-de-llucmajor-denuncia-irregularitats-en-la-gestio-de-les-despeses-de-lajuntament-durant-lany-2020\/\" class=\"more-link\">Read More<\/a>\n\t\t<\/div>\n\t\t\t<aside class=\"post-bottom-meta hide\">\n\t\t<strong rel=\"author\" itemprop=\"author\" class=\"author vcard\"><span class=\"fn\">Socialistes de Mallorca<\/span><\/strong>\n\t\t<time class=\"date published time\" datetime=\"2021-10-27T11:01:56+02:00\" itemprop=\"datePublished\" content=\"2021-10-27T11:01:56+02:00\">27\/10\/2021<\/time>\n\t\t<meta itemprop=\"dateModified\" class=\"date updated\" content=\"2021-10-27T11:01:56+02:00\">\n\t\t<span class=\"hide\" itemprop=\"publisher\" itemscope itemtype=\"https:\/\/schema.org\/Organization\">\n\t\t\t<meta itemprop=\"name\" content=\"SocialistesdMca\">\n\t\t\t<span itemprop=\"logo\" itemscope itemtype=\"https:\/\/schema.org\/ImageObject\">\n\t\t\t\t<meta itemprop=\"url\" content=\"https:\/\/www.psib-psoe.org\/mallorca\/wp-content\/themes\/notio-wp\/assets\/img\/logo.png\">\n\t\t\t<\/span>\n\t\t\t<meta itemprop=\"url\" content=\"https:\/\/www.psib-psoe.org\/mallorca\/\">\n\t\t<\/span>\n\t\t\t\t<span class=\"hide\" itemprop=\"image\" itemscope itemtype=\"http:\/\/schema.org\/ImageObject\">\n\t\t\t<meta itemprop=\"url\" content=\"https:\/\/www.psib-psoe.org\/mallorca\/wp-content\/uploads\/photo_2021-10-27-10.55.35-e1638870056468.jpeg\">\n\t\t\t<meta itemprop=\"width\" content=\"1280\">\n\t\t\t<meta itemprop=\"height\" content=\"489\">\n\t\t<\/span>\n\t\t\t\t<meta itemscope itemprop=\"mainEntityOfPage\" itemtype=\"https:\/\/schema.org\/WebPage\" itemid=\"https:\/\/www.psib-psoe.org\/mallorca\/el-grup-municipal-socialista-de-llucmajor-denuncia-irregularitats-en-la-gestio-de-les-despeses-de-lajuntament-durant-lany-2020\/\">\n\t<\/aside>\n\t\t<\/article>\n<\/div>\n<div class=\"small-12 large-4 columns\">\n\t<article itemscope itemtype=\"http:\/\/schema.org\/Article\" class=\"post blog-style7 alt post-26220 type-post status-publish format-standard has-post-thumbnail hentry category-federacio-de-mallorca category-municipis category-portada\" role=\"article\">\n\t\t<figure class=\"post-gallery\"><img loading=\"lazy\" decoding=\"async\" width=\"600\" height=\"400\" src=\"https:\/\/www.psib-psoe.org\/mallorca\/wp-content\/uploads\/211025-obres-maioris1-600x400.jpeg\" class=\"attachment-notio-general-x2 size-notio-general-x2 wp-post-image\" alt=\"\" srcset=\"https:\/\/www.psib-psoe.org\/mallorca\/wp-content\/uploads\/211025-obres-maioris1-600x400.jpeg 600w, https:\/\/www.psib-psoe.org\/mallorca\/wp-content\/uploads\/211025-obres-maioris1-300x200.jpeg 300w, https:\/\/www.psib-psoe.org\/mallorca\/wp-content\/uploads\/211025-obres-maioris1-900x600.jpeg 900w, https:\/\/www.psib-psoe.org\/mallorca\/wp-content\/uploads\/211025-obres-maioris1-20x13.jpeg 20w\" sizes=\"(max-width: 600px) 100vw, 600px\" \/><\/figure>\n\t\t<div class=\"blog-top\">\n\t\t\t<header class=\"post-title entry-header\">\n\t\t\t\t<aside class=\"post-meta cf\">\n\t\t25\/10\/2021 \/ <a href=\"https:\/\/www.psib-psoe.org\/mallorca\/category\/federacio-de-mallorca\/\" rel=\"category tag\">Federaci\u00f3 de Mallorca<\/a>, <a href=\"https:\/\/www.psib-psoe.org\/mallorca\/category\/municipis\/\" rel=\"category tag\">Municipis<\/a>, <a href=\"https:\/\/www.psib-psoe.org\/mallorca\/category\/portada\/\" rel=\"category tag\">Portada<\/a><\/aside>\n\t\t\t\t<h3 itemprop=\"headline\"><a href=\"https:\/\/www.psib-psoe.org\/mallorca\/els-socialistes-de-llucmajor-demanen-a-lajuntament-que-aclareixi-si-les-obres-de-lhotel-globales-maioris-compten-amb-les-llicencies-i-permisos-oportuns\/\" title=\"Els Socialistes de Llucmajor demanen a l&#8217;Ajuntament que aclareixi si les obres de l&#8217;Hotel Globales Maioris compten amb les llic\u00e8ncies i permisos oportuns\">Els Socialistes de Llucmajor demanen a l&#8217;Ajuntament que aclareixi si les obres de l&#8217;Hotel Globales Maioris compten amb les llic\u00e8ncies i permisos oportuns<\/a><\/h3>\n\t\t\t<\/header>\n\t\t<\/div>\n\t\t<div class=\"post-content\">\n\t\t\t<a href=\"https:\/\/www.psib-psoe.org\/mallorca\/els-socialistes-de-llucmajor-demanen-a-lajuntament-que-aclareixi-si-les-obres-de-lhotel-globales-maioris-compten-amb-les-llicencies-i-permisos-oportuns\/\" class=\"more-link\">Read More<\/a>\n\t\t<\/div>\n\t\t\t<aside class=\"post-bottom-meta hide\">\n\t\t<strong rel=\"author\" itemprop=\"author\" class=\"author vcard\"><span class=\"fn\">Socialistes de Mallorca<\/span><\/strong>\n\t\t<time class=\"date published time\" datetime=\"2021-10-25T12:33:09+02:00\" itemprop=\"datePublished\" content=\"2021-10-25T12:33:09+02:00\">25\/10\/2021<\/time>\n\t\t<meta itemprop=\"dateModified\" class=\"date updated\" content=\"2021-10-25T12:34:48+02:00\">\n\t\t<span class=\"hide\" itemprop=\"publisher\" itemscope itemtype=\"https:\/\/schema.org\/Organization\">\n\t\t\t<meta itemprop=\"name\" content=\"SocialistesdMca\">\n\t\t\t<span itemprop=\"logo\" itemscope itemtype=\"https:\/\/schema.org\/ImageObject\">\n\t\t\t\t<meta itemprop=\"url\" content=\"https:\/\/www.psib-psoe.org\/mallorca\/wp-content\/themes\/notio-wp\/assets\/img\/logo.png\">\n\t\t\t<\/span>\n\t\t\t<meta itemprop=\"url\" content=\"https:\/\/www.psib-psoe.org\/mallorca\/\">\n\t\t<\/span>\n\t\t\t\t<span class=\"hide\" itemprop=\"image\" itemscope itemtype=\"http:\/\/schema.org\/ImageObject\">\n\t\t\t<meta itemprop=\"url\" content=\"https:\/\/www.psib-psoe.org\/mallorca\/wp-content\/uploads\/211025-obres-maioris1.jpeg\">\n\t\t\t<meta itemprop=\"width\" content=\"1280\">\n\t\t\t<meta itemprop=\"height\" content=\"960\">\n\t\t<\/span>\n\t\t\t\t<meta itemscope itemprop=\"mainEntityOfPage\" itemtype=\"https:\/\/schema.org\/WebPage\" itemid=\"https:\/\/www.psib-psoe.org\/mallorca\/els-socialistes-de-llucmajor-demanen-a-lajuntament-que-aclareixi-si-les-obres-de-lhotel-globales-maioris-compten-amb-les-llicencies-i-permisos-oportuns\/\">\n\t<\/aside>\n\t\t<\/article>\n<\/div>\n<div class=\"small-12 large-4 columns\">\n\t<article itemscope itemtype=\"http:\/\/schema.org\/Article\" class=\"post blog-style7 alt post-26182 type-post status-publish format-standard has-post-thumbnail hentry category-14e-congres-fsm category-federacio-de-mallorca category-portada\" role=\"article\">\n\t\t<figure class=\"post-gallery\"><img loading=\"lazy\" decoding=\"async\" width=\"600\" height=\"400\" src=\"https:\/\/www.psib-psoe.org\/mallorca\/wp-content\/uploads\/Acte-presentaci\u00f3-precandidatura-Catalina-Cladera-600x400.jpg\" class=\"attachment-notio-general-x2 size-notio-general-x2 wp-post-image\" alt=\"\" srcset=\"https:\/\/www.psib-psoe.org\/mallorca\/wp-content\/uploads\/Acte-presentaci\u00f3-precandidatura-Catalina-Cladera-600x400.jpg 600w, https:\/\/www.psib-psoe.org\/mallorca\/wp-content\/uploads\/Acte-presentaci\u00f3-precandidatura-Catalina-Cladera-300x200.jpg 300w, https:\/\/www.psib-psoe.org\/mallorca\/wp-content\/uploads\/Acte-presentaci\u00f3-precandidatura-Catalina-Cladera-768x511.jpg 768w, https:\/\/www.psib-psoe.org\/mallorca\/wp-content\/uploads\/Acte-presentaci\u00f3-precandidatura-Catalina-Cladera-1024x682.jpg 1024w, https:\/\/www.psib-psoe.org\/mallorca\/wp-content\/uploads\/Acte-presentaci\u00f3-precandidatura-Catalina-Cladera-150x100.jpg 150w, https:\/\/www.psib-psoe.org\/mallorca\/wp-content\/uploads\/Acte-presentaci\u00f3-precandidatura-Catalina-Cladera-900x600.jpg 900w, https:\/\/www.psib-psoe.org\/mallorca\/wp-content\/uploads\/Acte-presentaci\u00f3-precandidatura-Catalina-Cladera-20x13.jpg 20w\" sizes=\"(max-width: 600px) 100vw, 600px\" \/><\/figure>\n\t\t<div class=\"blog-top\">\n\t\t\t<header class=\"post-title entry-header\">\n\t\t\t\t<aside class=\"post-meta cf\">\n\t\t20\/10\/2021 \/ <a href=\"https:\/\/www.psib-psoe.org\/mallorca\/category\/14e-congres-fsm\/\" rel=\"category tag\">14\u00e8 Congr\u00e9s FSM<\/a>, <a href=\"https:\/\/www.psib-psoe.org\/mallorca\/category\/federacio-de-mallorca\/\" rel=\"category tag\">Federaci\u00f3 de Mallorca<\/a>, <a href=\"https:\/\/www.psib-psoe.org\/mallorca\/category\/portada\/\" rel=\"category tag\">Portada<\/a><\/aside>\n\t\t\t\t<h3 itemprop=\"headline\"><a href=\"https:\/\/www.psib-psoe.org\/mallorca\/francina-armengol-i-catalina-cladera-presenten-els-avals-necessaris-per-a-les-seves-precandidatures\/\" title=\"Francina Armengol i Catalina Cladera presenten els avals necessaris per a les seves precandidatures\">Francina Armengol i Catalina Cladera presenten els avals necessaris per a les seves precandidatures<\/a><\/h3>\n\t\t\t<\/header>\n\t\t<\/div>\n\t\t<div class=\"post-content\">\n\t\t\t<a href=\"https:\/\/www.psib-psoe.org\/mallorca\/francina-armengol-i-catalina-cladera-presenten-els-avals-necessaris-per-a-les-seves-precandidatures\/\" class=\"more-link\">Read More<\/a>\n\t\t<\/div>\n\t\t\t<aside class=\"post-bottom-meta hide\">\n\t\t<strong rel=\"author\" itemprop=\"author\" class=\"author vcard\"><span class=\"fn\">Socialistes de Mallorca<\/span><\/strong>\n\t\t<time class=\"date published time\" datetime=\"2021-10-20T15:24:29+02:00\" itemprop=\"datePublished\" content=\"2021-10-20T15:24:29+02:00\">20\/10\/2021<\/time>\n\t\t<meta itemprop=\"dateModified\" class=\"date updated\" content=\"2021-10-22T18:56:52+02:00\">\n\t\t<span class=\"hide\" itemprop=\"publisher\" itemscope itemtype=\"https:\/\/schema.org\/Organization\">\n\t\t\t<meta itemprop=\"name\" content=\"SocialistesdMca\">\n\t\t\t<span itemprop=\"logo\" itemscope itemtype=\"https:\/\/schema.org\/ImageObject\">\n\t\t\t\t<meta itemprop=\"url\" content=\"https:\/\/www.psib-psoe.org\/mallorca\/wp-content\/themes\/notio-wp\/assets\/img\/logo.png\">\n\t\t\t<\/span>\n\t\t\t<meta itemprop=\"url\" content=\"https:\/\/www.psib-psoe.org\/mallorca\/\">\n\t\t<\/span>\n\t\t\t\t<span class=\"hide\" itemprop=\"image\" itemscope itemtype=\"http:\/\/schema.org\/ImageObject\">\n\t\t\t<meta itemprop=\"url\" content=\"https:\/\/www.psib-psoe.org\/mallorca\/wp-content\/uploads\/Acte-presentaci\u00f3-precandidatura-Catalina-Cladera.jpg\">\n\t\t\t<meta itemprop=\"width\" content=\"4928\">\n\t\t\t<meta itemprop=\"height\" content=\"3280\">\n\t\t<\/span>\n\t\t\t\t<meta itemscope itemprop=\"mainEntityOfPage\" itemtype=\"https:\/\/schema.org\/WebPage\" itemid=\"https:\/\/www.psib-psoe.org\/mallorca\/francina-armengol-i-catalina-cladera-presenten-els-avals-necessaris-per-a-les-seves-precandidatures\/\">\n\t<\/aside>\n\t\t<\/article>\n<\/div>\n<div class=\"small-12 large-4 columns\">\n\t<article itemscope itemtype=\"http:\/\/schema.org\/Article\" class=\"post blog-style7 alt post-26179 type-post status-publish format-standard has-post-thumbnail hentry category-federacio-de-mallorca category-municipis category-portada\" role=\"article\">\n\t\t<figure class=\"post-gallery\"><img loading=\"lazy\" decoding=\"async\" width=\"600\" height=\"400\" src=\"https:\/\/www.psib-psoe.org\/mallorca\/wp-content\/uploads\/cementeri-maria-1-600x400.jpeg\" class=\"attachment-notio-general-x2 size-notio-general-x2 wp-post-image\" alt=\"\" srcset=\"https:\/\/www.psib-psoe.org\/mallorca\/wp-content\/uploads\/cementeri-maria-1-600x400.jpeg 600w, https:\/\/www.psib-psoe.org\/mallorca\/wp-content\/uploads\/cementeri-maria-1-300x200.jpeg 300w, https:\/\/www.psib-psoe.org\/mallorca\/wp-content\/uploads\/cementeri-maria-1-900x600.jpeg 900w, https:\/\/www.psib-psoe.org\/mallorca\/wp-content\/uploads\/cementeri-maria-1-20x13.jpeg 20w\" sizes=\"(max-width: 600px) 100vw, 600px\" \/><\/figure>\n\t\t<div class=\"blog-top\">\n\t\t\t<header class=\"post-title entry-header\">\n\t\t\t\t<aside class=\"post-meta cf\">\n\t\t15\/10\/2021 \/ <a href=\"https:\/\/www.psib-psoe.org\/mallorca\/category\/federacio-de-mallorca\/\" rel=\"category tag\">Federaci\u00f3 de Mallorca<\/a>, <a href=\"https:\/\/www.psib-psoe.org\/mallorca\/category\/municipis\/\" rel=\"category tag\">Municipis<\/a>, <a href=\"https:\/\/www.psib-psoe.org\/mallorca\/category\/portada\/\" rel=\"category tag\">Portada<\/a><\/aside>\n\t\t\t\t<h3 itemprop=\"headline\"><a href=\"https:\/\/www.psib-psoe.org\/mallorca\/els-socialistes-de-maria-de-la-salut-demanen-una-intervencio-urgent-per-adequar-el-cementeri-municipal-abans-de-tots-sants\/\" title=\"Els socialistes de Maria de la Salut demanen una intervenci\u00f3 urgent per adequar el cementeri municipal abans de Tots Sants\">Els socialistes de Maria de la Salut demanen una intervenci\u00f3 urgent per adequar el cementeri municipal abans de Tots Sants<\/a><\/h3>\n\t\t\t<\/header>\n\t\t<\/div>\n\t\t<div class=\"post-content\">\n\t\t\t<a href=\"https:\/\/www.psib-psoe.org\/mallorca\/els-socialistes-de-maria-de-la-salut-demanen-una-intervencio-urgent-per-adequar-el-cementeri-municipal-abans-de-tots-sants\/\" class=\"more-link\">Read More<\/a>\n\t\t<\/div>\n\t\t\t<aside class=\"post-bottom-meta hide\">\n\t\t<strong rel=\"author\" itemprop=\"author\" class=\"author vcard\"><span class=\"fn\">Socialistes de Mallorca<\/span><\/strong>\n\t\t<time class=\"date published time\" datetime=\"2021-10-15T10:49:24+02:00\" itemprop=\"datePublished\" content=\"2021-10-15T10:49:24+02:00\">15\/10\/2021<\/time>\n\t\t<meta itemprop=\"dateModified\" class=\"date updated\" content=\"2021-10-15T10:49:24+02:00\">\n\t\t<span class=\"hide\" itemprop=\"publisher\" itemscope itemtype=\"https:\/\/schema.org\/Organization\">\n\t\t\t<meta itemprop=\"name\" content=\"SocialistesdMca\">\n\t\t\t<span itemprop=\"logo\" itemscope itemtype=\"https:\/\/schema.org\/ImageObject\">\n\t\t\t\t<meta itemprop=\"url\" content=\"https:\/\/www.psib-psoe.org\/mallorca\/wp-content\/themes\/notio-wp\/assets\/img\/logo.png\">\n\t\t\t<\/span>\n\t\t\t<meta itemprop=\"url\" content=\"https:\/\/www.psib-psoe.org\/mallorca\/\">\n\t\t<\/span>\n\t\t\t\t<span class=\"hide\" itemprop=\"image\" itemscope itemtype=\"http:\/\/schema.org\/ImageObject\">\n\t\t\t<meta itemprop=\"url\" content=\"https:\/\/www.psib-psoe.org\/mallorca\/wp-content\/uploads\/cementeri-maria-1.jpeg\">\n\t\t\t<meta itemprop=\"width\" content=\"1600\">\n\t\t\t<meta itemprop=\"height\" content=\"900\">\n\t\t<\/span>\n\t\t\t\t<meta itemscope itemprop=\"mainEntityOfPage\" itemtype=\"https:\/\/schema.org\/WebPage\" itemid=\"https:\/\/www.psib-psoe.org\/mallorca\/els-socialistes-de-maria-de-la-salut-demanen-una-intervencio-urgent-per-adequar-el-cementeri-municipal-abans-de-tots-sants\/\">\n\t<\/aside>\n\t\t<\/article>\n<\/div>\n<div class=\"small-12 large-4 columns\">\n\t<article itemscope itemtype=\"http:\/\/schema.org\/Article\" class=\"post blog-style7 alt post-26169 type-post status-publish format-standard has-post-thumbnail hentry category-14e-congres-fsm category-federacio-de-mallorca category-municipis category-portada\" role=\"article\">\n\t\t<figure class=\"post-gallery\"><img loading=\"lazy\" decoding=\"async\" width=\"600\" height=\"400\" src=\"https:\/\/www.psib-psoe.org\/mallorca\/wp-content\/uploads\/MLC5559-600x400.jpg\" class=\"attachment-notio-general-x2 size-notio-general-x2 wp-post-image\" alt=\"\" srcset=\"https:\/\/www.psib-psoe.org\/mallorca\/wp-content\/uploads\/MLC5559-600x400.jpg 600w, https:\/\/www.psib-psoe.org\/mallorca\/wp-content\/uploads\/MLC5559-300x200.jpg 300w, https:\/\/www.psib-psoe.org\/mallorca\/wp-content\/uploads\/MLC5559-768x511.jpg 768w, https:\/\/www.psib-psoe.org\/mallorca\/wp-content\/uploads\/MLC5559-1024x682.jpg 1024w, https:\/\/www.psib-psoe.org\/mallorca\/wp-content\/uploads\/MLC5559-150x100.jpg 150w, https:\/\/www.psib-psoe.org\/mallorca\/wp-content\/uploads\/MLC5559-900x600.jpg 900w, https:\/\/www.psib-psoe.org\/mallorca\/wp-content\/uploads\/MLC5559-20x13.jpg 20w\" sizes=\"(max-width: 600px) 100vw, 600px\" \/><\/figure>\n\t\t<div class=\"blog-top\">\n\t\t\t<header class=\"post-title entry-header\">\n\t\t\t\t<aside class=\"post-meta cf\">\n\t\t09\/10\/2021 \/ <a href=\"https:\/\/www.psib-psoe.org\/mallorca\/category\/14e-congres-fsm\/\" rel=\"category tag\">14\u00e8 Congr\u00e9s FSM<\/a>, <a href=\"https:\/\/www.psib-psoe.org\/mallorca\/category\/federacio-de-mallorca\/\" rel=\"category tag\">Federaci\u00f3 de Mallorca<\/a>, <a href=\"https:\/\/www.psib-psoe.org\/mallorca\/category\/municipis\/\" rel=\"category tag\">Municipis<\/a>, <a href=\"https:\/\/www.psib-psoe.org\/mallorca\/category\/portada\/\" rel=\"category tag\">Portada<\/a><\/aside>\n\t\t\t\t<h3 itemprop=\"headline\"><a href=\"https:\/\/www.psib-psoe.org\/mallorca\/cladera-els-socialistes-estem-canviant-la-historia-de-mallorca-i-de-balears-i-estic-segura-que-seguirem-fent-ho-junts-units-i-forts\/\" title=\"Cladera: \u201cEls socialistes estem canviant la hist\u00f2ria de Mallorca i de Balears, i estic segura que seguirem fent-ho junts, units i forts\u201d\">Cladera: \u201cEls socialistes estem canviant la hist\u00f2ria de Mallorca i de Balears, i estic segura que seguirem fent-ho junts, units i forts\u201d<\/a><\/h3>\n\t\t\t<\/header>\n\t\t<\/div>\n\t\t<div class=\"post-content\">\n\t\t\t<a href=\"https:\/\/www.psib-psoe.org\/mallorca\/cladera-els-socialistes-estem-canviant-la-historia-de-mallorca-i-de-balears-i-estic-segura-que-seguirem-fent-ho-junts-units-i-forts\/\" class=\"more-link\">Read More<\/a>\n\t\t<\/div>\n\t\t\t<aside class=\"post-bottom-meta hide\">\n\t\t<strong rel=\"author\" itemprop=\"author\" class=\"author vcard\"><span class=\"fn\">Socialistes de Mallorca<\/span><\/strong>\n\t\t<time class=\"date published time\" datetime=\"2021-10-09T15:09:45+02:00\" itemprop=\"datePublished\" content=\"2021-10-09T15:09:45+02:00\">09\/10\/2021<\/time>\n\t\t<meta itemprop=\"dateModified\" class=\"date updated\" content=\"2021-10-22T19:01:51+02:00\">\n\t\t<span class=\"hide\" itemprop=\"publisher\" itemscope itemtype=\"https:\/\/schema.org\/Organization\">\n\t\t\t<meta itemprop=\"name\" content=\"SocialistesdMca\">\n\t\t\t<span itemprop=\"logo\" itemscope itemtype=\"https:\/\/schema.org\/ImageObject\">\n\t\t\t\t<meta itemprop=\"url\" content=\"https:\/\/www.psib-psoe.org\/mallorca\/wp-content\/themes\/notio-wp\/assets\/img\/logo.png\">\n\t\t\t<\/span>\n\t\t\t<meta itemprop=\"url\" content=\"https:\/\/www.psib-psoe.org\/mallorca\/\">\n\t\t<\/span>\n\t\t\t\t<span class=\"hide\" itemprop=\"image\" itemscope itemtype=\"http:\/\/schema.org\/ImageObject\">\n\t\t\t<meta itemprop=\"url\" content=\"https:\/\/www.psib-psoe.org\/mallorca\/wp-content\/uploads\/MLC5559.jpg\">\n\t\t\t<meta itemprop=\"width\" content=\"4928\">\n\t\t\t<meta itemprop=\"height\" content=\"3280\">\n\t\t<\/span>\n\t\t\t\t<meta itemscope itemprop=\"mainEntityOfPage\" itemtype=\"https:\/\/schema.org\/WebPage\" itemid=\"https:\/\/www.psib-psoe.org\/mallorca\/cladera-els-socialistes-estem-canviant-la-historia-de-mallorca-i-de-balears-i-estic-segura-que-seguirem-fent-ho-junts-units-i-forts\/\">\n\t<\/aside>\n\t\t<\/article>\n<\/div>\n<div class=\"small-12 large-4 columns\">\n\t<article itemscope itemtype=\"http:\/\/schema.org\/Article\" class=\"post blog-style7 alt post-26158 type-post status-publish format-standard has-post-thumbnail hentry category-14e-congres-fsm category-federacio-de-mallorca tag-federacio-socialista-de-mallorca\" role=\"article\">\n\t\t<figure class=\"post-gallery\"><img loading=\"lazy\" decoding=\"async\" width=\"600\" height=\"400\" src=\"https:\/\/www.psib-psoe.org\/mallorca\/wp-content\/uploads\/Francina-Armengol-signatura-precandidata-600x400.jpeg\" class=\"attachment-notio-general-x2 size-notio-general-x2 wp-post-image\" alt=\"\" srcset=\"https:\/\/www.psib-psoe.org\/mallorca\/wp-content\/uploads\/Francina-Armengol-signatura-precandidata-600x400.jpeg 600w, https:\/\/www.psib-psoe.org\/mallorca\/wp-content\/uploads\/Francina-Armengol-signatura-precandidata-300x200.jpeg 300w, https:\/\/www.psib-psoe.org\/mallorca\/wp-content\/uploads\/Francina-Armengol-signatura-precandidata-768x512.jpeg 768w, https:\/\/www.psib-psoe.org\/mallorca\/wp-content\/uploads\/Francina-Armengol-signatura-precandidata-1024x683.jpeg 1024w, https:\/\/www.psib-psoe.org\/mallorca\/wp-content\/uploads\/Francina-Armengol-signatura-precandidata-150x100.jpeg 150w, https:\/\/www.psib-psoe.org\/mallorca\/wp-content\/uploads\/Francina-Armengol-signatura-precandidata-900x600.jpeg 900w, https:\/\/www.psib-psoe.org\/mallorca\/wp-content\/uploads\/Francina-Armengol-signatura-precandidata-20x13.jpeg 20w\" sizes=\"(max-width: 600px) 100vw, 600px\" \/><\/figure>\n\t\t<div class=\"blog-top\">\n\t\t\t<header class=\"post-title entry-header\">\n\t\t\t\t<aside class=\"post-meta cf\">\n\t\t05\/10\/2021 \/ <a href=\"https:\/\/www.psib-psoe.org\/mallorca\/category\/14e-congres-fsm\/\" rel=\"category tag\">14\u00e8 Congr\u00e9s FSM<\/a>, <a href=\"https:\/\/www.psib-psoe.org\/mallorca\/category\/federacio-de-mallorca\/\" rel=\"category tag\">Federaci\u00f3 de Mallorca<\/a><\/aside>\n\t\t\t\t<h3 itemprop=\"headline\"><a href=\"https:\/\/www.psib-psoe.org\/mallorca\/francina-armengol-i-catalina-cladera-uniques-precandidates-a-secretaries-generals-del-psib-psoe-i-dels-socialistes-de-mallorca-respectivament\/\" title=\"Francina Armengol i Catalina Cladera, \u00faniques precandidates a secret\u00e0ries generals del PSIB-PSOE i dels Socialistes de Mallorca respectivament\">Francina Armengol i Catalina Cladera, \u00faniques precandidates a secret\u00e0ries generals del PSIB-PSOE i dels Socialistes de Mallorca respectivament<\/a><\/h3>\n\t\t\t<\/header>\n\t\t<\/div>\n\t\t<div class=\"post-content\">\n\t\t\t<a href=\"https:\/\/www.psib-psoe.org\/mallorca\/francina-armengol-i-catalina-cladera-uniques-precandidates-a-secretaries-generals-del-psib-psoe-i-dels-socialistes-de-mallorca-respectivament\/\" class=\"more-link\">Read More<\/a>\n\t\t<\/div>\n\t\t\t<aside class=\"post-bottom-meta hide\">\n\t\t<strong rel=\"author\" itemprop=\"author\" class=\"author vcard\"><span class=\"fn\">adminpsib<\/span><\/strong>\n\t\t<time class=\"date published time\" datetime=\"2021-10-05T13:10:20+02:00\" itemprop=\"datePublished\" content=\"2021-10-05T13:10:20+02:00\">05\/10\/2021<\/time>\n\t\t<meta itemprop=\"dateModified\" class=\"date updated\" content=\"2021-10-22T18:57:18+02:00\">\n\t\t<span class=\"hide\" itemprop=\"publisher\" itemscope itemtype=\"https:\/\/schema.org\/Organization\">\n\t\t\t<meta itemprop=\"name\" content=\"SocialistesdMca\">\n\t\t\t<span itemprop=\"logo\" itemscope itemtype=\"https:\/\/schema.org\/ImageObject\">\n\t\t\t\t<meta itemprop=\"url\" content=\"https:\/\/www.psib-psoe.org\/mallorca\/wp-content\/themes\/notio-wp\/assets\/img\/logo.png\">\n\t\t\t<\/span>\n\t\t\t<meta itemprop=\"url\" content=\"https:\/\/www.psib-psoe.org\/mallorca\/\">\n\t\t<\/span>\n\t\t\t\t<span class=\"hide\" itemprop=\"image\" itemscope itemtype=\"http:\/\/schema.org\/ImageObject\">\n\t\t\t<meta itemprop=\"url\" content=\"https:\/\/www.psib-psoe.org\/mallorca\/wp-content\/uploads\/Francina-Armengol-signatura-precandidata.jpeg\">\n\t\t\t<meta itemprop=\"width\" content=\"3511\">\n\t\t\t<meta itemprop=\"height\" content=\"2341\">\n\t\t<\/span>\n\t\t\t\t<meta itemscope itemprop=\"mainEntityOfPage\" itemtype=\"https:\/\/schema.org\/WebPage\" itemid=\"https:\/\/www.psib-psoe.org\/mallorca\/francina-armengol-i-catalina-cladera-uniques-precandidates-a-secretaries-generals-del-psib-psoe-i-dels-socialistes-de-mallorca-respectivament\/\">\n\t<\/aside>\n\t\t<\/article>\n<\/div>\n<div class=\"small-12 large-4 columns\">\n\t<article itemscope itemtype=\"http:\/\/schema.org\/Article\" class=\"post blog-style7 alt post-26138 type-post status-publish format-standard has-post-thumbnail hentry category-14e-congres-fsm category-federacio-de-mallorca category-portada\" role=\"article\">\n\t\t<figure class=\"post-gallery\"><img loading=\"lazy\" decoding=\"async\" width=\"600\" height=\"400\" src=\"https:\/\/www.psib-psoe.org\/mallorca\/wp-content\/uploads\/Consell-Politica-Federacio-Mallorca-1-600x400.jpeg\" class=\"attachment-notio-general-x2 size-notio-general-x2 wp-post-image\" alt=\"\" srcset=\"https:\/\/www.psib-psoe.org\/mallorca\/wp-content\/uploads\/Consell-Politica-Federacio-Mallorca-1-600x400.jpeg 600w, https:\/\/www.psib-psoe.org\/mallorca\/wp-content\/uploads\/Consell-Politica-Federacio-Mallorca-1-300x200.jpeg 300w, https:\/\/www.psib-psoe.org\/mallorca\/wp-content\/uploads\/Consell-Politica-Federacio-Mallorca-1-768x512.jpeg 768w, https:\/\/www.psib-psoe.org\/mallorca\/wp-content\/uploads\/Consell-Politica-Federacio-Mallorca-1-1024x683.jpeg 1024w, https:\/\/www.psib-psoe.org\/mallorca\/wp-content\/uploads\/Consell-Politica-Federacio-Mallorca-1-150x100.jpeg 150w, https:\/\/www.psib-psoe.org\/mallorca\/wp-content\/uploads\/Consell-Politica-Federacio-Mallorca-1-900x600.jpeg 900w, https:\/\/www.psib-psoe.org\/mallorca\/wp-content\/uploads\/Consell-Politica-Federacio-Mallorca-1-20x13.jpeg 20w\" sizes=\"(max-width: 600px) 100vw, 600px\" \/><\/figure>\n\t\t<div class=\"blog-top\">\n\t\t\t<header class=\"post-title entry-header\">\n\t\t\t\t<aside class=\"post-meta cf\">\n\t\t27\/09\/2021 \/ <a href=\"https:\/\/www.psib-psoe.org\/mallorca\/category\/14e-congres-fsm\/\" rel=\"category tag\">14\u00e8 Congr\u00e9s FSM<\/a>, <a href=\"https:\/\/www.psib-psoe.org\/mallorca\/category\/federacio-de-mallorca\/\" rel=\"category tag\">Federaci\u00f3 de Mallorca<\/a>, <a href=\"https:\/\/www.psib-psoe.org\/mallorca\/category\/portada\/\" rel=\"category tag\">Portada<\/a><\/aside>\n\t\t\t\t<h3 itemprop=\"headline\"><a href=\"https:\/\/www.psib-psoe.org\/mallorca\/consell-politic-socialistes-mallorca-convoquen-14-congres-objectiu-revalidar-victoria-2019\/\" title=\"El Consell Pol\u00edtic dels Socialistes de Mallorca convoquen el 14\u00e8 Congr\u00e9s de la Federaci\u00f3 amb l\u2019objectiu de revalidar la vict\u00f2ria de 2019\">El Consell Pol\u00edtic dels Socialistes de Mallorca convoquen el 14\u00e8 Congr\u00e9s de la Federaci\u00f3 amb l\u2019objectiu de revalidar la vict\u00f2ria de 2019<\/a><\/h3>\n\t\t\t<\/header>\n\t\t<\/div>\n\t\t<div class=\"post-content\">\n\t\t\t<a href=\"https:\/\/www.psib-psoe.org\/mallorca\/consell-politic-socialistes-mallorca-convoquen-14-congres-objectiu-revalidar-victoria-2019\/\" class=\"more-link\">Read More<\/a>\n\t\t<\/div>\n\t\t\t<aside class=\"post-bottom-meta hide\">\n\t\t<strong rel=\"author\" itemprop=\"author\" class=\"author vcard\"><span class=\"fn\">Albert<\/span><\/strong>\n\t\t<time class=\"date published time\" datetime=\"2021-09-27T19:11:21+02:00\" itemprop=\"datePublished\" content=\"2021-09-27T19:11:21+02:00\">27\/09\/2021<\/time>\n\t\t<meta itemprop=\"dateModified\" class=\"date updated\" content=\"2021-10-22T19:03:04+02:00\">\n\t\t<span class=\"hide\" itemprop=\"publisher\" itemscope itemtype=\"https:\/\/schema.org\/Organization\">\n\t\t\t<meta itemprop=\"name\" content=\"SocialistesdMca\">\n\t\t\t<span itemprop=\"logo\" itemscope itemtype=\"https:\/\/schema.org\/ImageObject\">\n\t\t\t\t<meta itemprop=\"url\" content=\"https:\/\/www.psib-psoe.org\/mallorca\/wp-content\/themes\/notio-wp\/assets\/img\/logo.png\">\n\t\t\t<\/span>\n\t\t\t<meta itemprop=\"url\" content=\"https:\/\/www.psib-psoe.org\/mallorca\/\">\n\t\t<\/span>\n\t\t\t\t<span class=\"hide\" itemprop=\"image\" itemscope itemtype=\"http:\/\/schema.org\/ImageObject\">\n\t\t\t<meta itemprop=\"url\" content=\"https:\/\/www.psib-psoe.org\/mallorca\/wp-content\/uploads\/Consell-Politica-Federacio-Mallorca-1.jpeg\">\n\t\t\t<meta itemprop=\"width\" content=\"3825\">\n\t\t\t<meta itemprop=\"height\" content=\"2550\">\n\t\t<\/span>\n\t\t\t\t<meta itemscope itemprop=\"mainEntityOfPage\" itemtype=\"https:\/\/schema.org\/WebPage\" itemid=\"https:\/\/www.psib-psoe.org\/mallorca\/consell-politic-socialistes-mallorca-convoquen-14-congres-objectiu-revalidar-victoria-2019\/\">\n\t<\/aside>\n\t\t<\/article>\n<\/div>\n<div class=\"small-12 large-4 columns\">\n\t<article itemscope itemtype=\"http:\/\/schema.org\/Article\" class=\"post blog-style7 alt post-26130 type-post status-publish format-standard has-post-thumbnail hentry category-federacio-de-mallorca category-municipis category-portada\" role=\"article\">\n\t\t<figure class=\"post-gallery\"><img loading=\"lazy\" decoding=\"async\" width=\"600\" height=\"400\" src=\"https:\/\/www.psib-psoe.org\/mallorca\/wp-content\/uploads\/Xisco-Duarte-Dami-Massut\u00ed-i-Gracia-Gonz\u00e1lez-1-600x400.jpeg\" class=\"attachment-notio-general-x2 size-notio-general-x2 wp-post-image\" alt=\"\" srcset=\"https:\/\/www.psib-psoe.org\/mallorca\/wp-content\/uploads\/Xisco-Duarte-Dami-Massut\u00ed-i-Gracia-Gonz\u00e1lez-1-600x400.jpeg 600w, https:\/\/www.psib-psoe.org\/mallorca\/wp-content\/uploads\/Xisco-Duarte-Dami-Massut\u00ed-i-Gracia-Gonz\u00e1lez-1-300x200.jpeg 300w, https:\/\/www.psib-psoe.org\/mallorca\/wp-content\/uploads\/Xisco-Duarte-Dami-Massut\u00ed-i-Gracia-Gonz\u00e1lez-1-900x600.jpeg 900w, https:\/\/www.psib-psoe.org\/mallorca\/wp-content\/uploads\/Xisco-Duarte-Dami-Massut\u00ed-i-Gracia-Gonz\u00e1lez-1-20x13.jpeg 20w\" sizes=\"(max-width: 600px) 100vw, 600px\" \/><\/figure>\n\t\t<div class=\"blog-top\">\n\t\t\t<header class=\"post-title entry-header\">\n\t\t\t\t<aside class=\"post-meta cf\">\n\t\t22\/09\/2021 \/ <a href=\"https:\/\/www.psib-psoe.org\/mallorca\/category\/federacio-de-mallorca\/\" rel=\"category tag\">Federaci\u00f3 de Mallorca<\/a>, <a href=\"https:\/\/www.psib-psoe.org\/mallorca\/category\/municipis\/\" rel=\"category tag\">Municipis<\/a>, <a href=\"https:\/\/www.psib-psoe.org\/mallorca\/category\/portada\/\" rel=\"category tag\">Portada<\/a><\/aside>\n\t\t\t\t<h3 itemprop=\"headline\"><a href=\"https:\/\/www.psib-psoe.org\/mallorca\/els-socialistes-de-felanitx-denuncien-lus-partidista-de-les-xarxes-socials-de-lajuntament-i-la-mancanca-de-rigor-en-negar-els-desperfectes-al-cementiri-municipal\/\" title=\"Els socialistes de Felanitx denuncien l&#8217;\u00fas partidista de les xarxes socials de l&#8217;Ajuntament i la mancan\u00e7a de rigor en negar els desperfectes al cementiri municipal\">Els socialistes de Felanitx denuncien l&#8217;\u00fas partidista de les xarxes socials de l&#8217;Ajuntament i la mancan\u00e7a de rigor en negar els desperfectes al cementiri municipal<\/a><\/h3>\n\t\t\t<\/header>\n\t\t<\/div>\n\t\t<div class=\"post-content\">\n\t\t\t<a href=\"https:\/\/www.psib-psoe.org\/mallorca\/els-socialistes-de-felanitx-denuncien-lus-partidista-de-les-xarxes-socials-de-lajuntament-i-la-mancanca-de-rigor-en-negar-els-desperfectes-al-cementiri-municipal\/\" class=\"more-link\">Read More<\/a>\n\t\t<\/div>\n\t\t\t<aside class=\"post-bottom-meta hide\">\n\t\t<strong rel=\"author\" itemprop=\"author\" class=\"author vcard\"><span class=\"fn\">Socialistes de Mallorca<\/span><\/strong>\n\t\t<time class=\"date published time\" datetime=\"2021-09-22T17:30:15+02:00\" itemprop=\"datePublished\" content=\"2021-09-22T17:30:15+02:00\">22\/09\/2021<\/time>\n\t\t<meta itemprop=\"dateModified\" class=\"date updated\" content=\"2021-09-22T17:30:15+02:00\">\n\t\t<span class=\"hide\" itemprop=\"publisher\" itemscope itemtype=\"https:\/\/schema.org\/Organization\">\n\t\t\t<meta itemprop=\"name\" content=\"SocialistesdMca\">\n\t\t\t<span itemprop=\"logo\" itemscope itemtype=\"https:\/\/schema.org\/ImageObject\">\n\t\t\t\t<meta itemprop=\"url\" content=\"https:\/\/www.psib-psoe.org\/mallorca\/wp-content\/themes\/notio-wp\/assets\/img\/logo.png\">\n\t\t\t<\/span>\n\t\t\t<meta itemprop=\"url\" content=\"https:\/\/www.psib-psoe.org\/mallorca\/\">\n\t\t<\/span>\n\t\t\t\t<span class=\"hide\" itemprop=\"image\" itemscope itemtype=\"http:\/\/schema.org\/ImageObject\">\n\t\t\t<meta itemprop=\"url\" content=\"https:\/\/www.psib-psoe.org\/mallorca\/wp-content\/uploads\/Xisco-Duarte-Dami-Massut\u00ed-i-Gracia-Gonz\u00e1lez-1.jpeg\">\n\t\t\t<meta itemprop=\"width\" content=\"1280\">\n\t\t\t<meta itemprop=\"height\" content=\"960\">\n\t\t<\/span>\n\t\t\t\t<meta itemscope itemprop=\"mainEntityOfPage\" itemtype=\"https:\/\/schema.org\/WebPage\" itemid=\"https:\/\/www.psib-psoe.org\/mallorca\/els-socialistes-de-felanitx-denuncien-lus-partidista-de-les-xarxes-socials-de-lajuntament-i-la-mancanca-de-rigor-en-negar-els-desperfectes-al-cementiri-municipal\/\">\n\t<\/aside>\n\t\t<\/article>\n<\/div>\n<div class=\"small-12 large-4 columns\">\n\t<article itemscope itemtype=\"http:\/\/schema.org\/Article\" class=\"post blog-style7 alt post-26126 type-post status-publish format-standard has-post-thumbnail hentry category-14e-congres-fsm category-federacio-de-mallorca category-portada\" role=\"article\">\n\t\t<figure class=\"post-gallery\"><img loading=\"lazy\" decoding=\"async\" width=\"600\" height=\"400\" src=\"https:\/\/www.psib-psoe.org\/mallorca\/wp-content\/uploads\/210921-Executiva-FSM-600x400.jpg\" class=\"attachment-notio-general-x2 size-notio-general-x2 wp-post-image\" alt=\"\" srcset=\"https:\/\/www.psib-psoe.org\/mallorca\/wp-content\/uploads\/210921-Executiva-FSM-600x400.jpg 600w, https:\/\/www.psib-psoe.org\/mallorca\/wp-content\/uploads\/210921-Executiva-FSM-300x200.jpg 300w, https:\/\/www.psib-psoe.org\/mallorca\/wp-content\/uploads\/210921-Executiva-FSM-900x600.jpg 900w, https:\/\/www.psib-psoe.org\/mallorca\/wp-content\/uploads\/210921-Executiva-FSM-20x13.jpg 20w\" sizes=\"(max-width: 600px) 100vw, 600px\" \/><\/figure>\n\t\t<div class=\"blog-top\">\n\t\t\t<header class=\"post-title entry-header\">\n\t\t\t\t<aside class=\"post-meta cf\">\n\t\t21\/09\/2021 \/ <a href=\"https:\/\/www.psib-psoe.org\/mallorca\/category\/14e-congres-fsm\/\" rel=\"category tag\">14\u00e8 Congr\u00e9s FSM<\/a>, <a href=\"https:\/\/www.psib-psoe.org\/mallorca\/category\/federacio-de-mallorca\/\" rel=\"category tag\">Federaci\u00f3 de Mallorca<\/a>, <a href=\"https:\/\/www.psib-psoe.org\/mallorca\/category\/portada\/\" rel=\"category tag\">Portada<\/a><\/aside>\n\t\t\t\t<h3 itemprop=\"headline\"><a href=\"https:\/\/www.psib-psoe.org\/mallorca\/la-fsm-celebrara-el-consell-politic-la-proxima-setmana-iniciant-aixi-el-procediment-per-convocar-el-14e-congres-dels-socialistes-de-mallorca\/\" title=\"La FSM celebrar\u00e0 el Consell Pol\u00edtic la pr\u00f2xima setmana, iniciant aix\u00ed el procediment per convocar el 14\u00e8 Congr\u00e9s dels Socialistes de Mallorca\">La FSM celebrar\u00e0 el Consell Pol\u00edtic la pr\u00f2xima setmana, iniciant aix\u00ed el procediment per convocar el 14\u00e8 Congr\u00e9s dels Socialistes de Mallorca<\/a><\/h3>\n\t\t\t<\/header>\n\t\t<\/div>\n\t\t<div class=\"post-content\">\n\t\t\t<a href=\"https:\/\/www.psib-psoe.org\/mallorca\/la-fsm-celebrara-el-consell-politic-la-proxima-setmana-iniciant-aixi-el-procediment-per-convocar-el-14e-congres-dels-socialistes-de-mallorca\/\" class=\"more-link\">Read More<\/a>\n\t\t<\/div>\n\t\t\t<aside class=\"post-bottom-meta hide\">\n\t\t<strong rel=\"author\" itemprop=\"author\" class=\"author vcard\"><span class=\"fn\">Socialistes de Mallorca<\/span><\/strong>\n\t\t<time class=\"date published time\" datetime=\"2021-09-21T18:54:53+02:00\" itemprop=\"datePublished\" content=\"2021-09-21T18:54:53+02:00\">21\/09\/2021<\/time>\n\t\t<meta itemprop=\"dateModified\" class=\"date updated\" content=\"2021-10-22T18:57:49+02:00\">\n\t\t<span class=\"hide\" itemprop=\"publisher\" itemscope itemtype=\"https:\/\/schema.org\/Organization\">\n\t\t\t<meta itemprop=\"name\" content=\"SocialistesdMca\">\n\t\t\t<span itemprop=\"logo\" itemscope itemtype=\"https:\/\/schema.org\/ImageObject\">\n\t\t\t\t<meta itemprop=\"url\" content=\"https:\/\/www.psib-psoe.org\/mallorca\/wp-content\/themes\/notio-wp\/assets\/img\/logo.png\">\n\t\t\t<\/span>\n\t\t\t<meta itemprop=\"url\" content=\"https:\/\/www.psib-psoe.org\/mallorca\/\">\n\t\t<\/span>\n\t\t\t\t<span class=\"hide\" itemprop=\"image\" itemscope itemtype=\"http:\/\/schema.org\/ImageObject\">\n\t\t\t<meta itemprop=\"url\" content=\"https:\/\/www.psib-psoe.org\/mallorca\/wp-content\/uploads\/210921-Executiva-FSM.jpg\">\n\t\t\t<meta itemprop=\"width\" content=\"3648\">\n\t\t\t<meta itemprop=\"height\" content=\"2736\">\n\t\t<\/span>\n\t\t\t\t<meta itemscope itemprop=\"mainEntityOfPage\" itemtype=\"https:\/\/schema.org\/WebPage\" itemid=\"https:\/\/www.psib-psoe.org\/mallorca\/la-fsm-celebrara-el-consell-politic-la-proxima-setmana-iniciant-aixi-el-procediment-per-convocar-el-14e-congres-dels-socialistes-de-mallorca\/\">\n\t<\/aside>\n\t\t<\/article>\n<\/div>\n<div class=\"small-12 large-4 columns\">\n\t<article itemscope itemtype=\"http:\/\/schema.org\/Article\" class=\"post blog-style7 alt post-26119 type-post status-publish format-standard has-post-thumbnail hentry category-federacio-de-mallorca category-municipis category-portada\" role=\"article\">\n\t\t<figure class=\"post-gallery\"><img loading=\"lazy\" decoding=\"async\" width=\"600\" height=\"400\" src=\"https:\/\/www.psib-psoe.org\/mallorca\/wp-content\/uploads\/WhatsApp-Image-2021-09-20-at-13.44.19-1-600x400.jpeg\" class=\"attachment-notio-general-x2 size-notio-general-x2 wp-post-image\" alt=\"\" srcset=\"https:\/\/www.psib-psoe.org\/mallorca\/wp-content\/uploads\/WhatsApp-Image-2021-09-20-at-13.44.19-1-600x400.jpeg 600w, https:\/\/www.psib-psoe.org\/mallorca\/wp-content\/uploads\/WhatsApp-Image-2021-09-20-at-13.44.19-1-300x200.jpeg 300w, https:\/\/www.psib-psoe.org\/mallorca\/wp-content\/uploads\/WhatsApp-Image-2021-09-20-at-13.44.19-1-20x13.jpeg 20w\" sizes=\"(max-width: 600px) 100vw, 600px\" \/><\/figure>\n\t\t<div class=\"blog-top\">\n\t\t\t<header class=\"post-title entry-header\">\n\t\t\t\t<aside class=\"post-meta cf\">\n\t\t21\/09\/2021 \/ <a href=\"https:\/\/www.psib-psoe.org\/mallorca\/category\/federacio-de-mallorca\/\" rel=\"category tag\">Federaci\u00f3 de Mallorca<\/a>, <a href=\"https:\/\/www.psib-psoe.org\/mallorca\/category\/municipis\/\" rel=\"category tag\">Municipis<\/a>, <a href=\"https:\/\/www.psib-psoe.org\/mallorca\/category\/portada\/\" rel=\"category tag\">Portada<\/a><\/aside>\n\t\t\t\t<h3 itemprop=\"headline\"><a href=\"https:\/\/www.psib-psoe.org\/mallorca\/els-socialistes-de-felanitx-lamenten-que-lequip-de-govern-negui-reconeixer-la-feina-altruista-dels-voluntaris-de-proteccio-civil\/\" title=\"Els Socialistes de Felanitx lamenten que l\u2019equip de govern negui recon\u00e8ixer la feina altruista dels voluntaris de Protecci\u00f3 Civil\">Els Socialistes de Felanitx lamenten que l\u2019equip de govern negui recon\u00e8ixer la feina altruista dels voluntaris de Protecci\u00f3 Civil<\/a><\/h3>\n\t\t\t<\/header>\n\t\t<\/div>\n\t\t<div class=\"post-content\">\n\t\t\t<a href=\"https:\/\/www.psib-psoe.org\/mallorca\/els-socialistes-de-felanitx-lamenten-que-lequip-de-govern-negui-reconeixer-la-feina-altruista-dels-voluntaris-de-proteccio-civil\/\" class=\"more-link\">Read More<\/a>\n\t\t<\/div>\n\t\t\t<aside class=\"post-bottom-meta hide\">\n\t\t<strong rel=\"author\" itemprop=\"author\" class=\"author vcard\"><span class=\"fn\">Socialistes de Mallorca<\/span><\/strong>\n\t\t<time class=\"date published time\" datetime=\"2021-09-21T12:25:50+02:00\" itemprop=\"datePublished\" content=\"2021-09-21T12:25:50+02:00\">21\/09\/2021<\/time>\n\t\t<meta itemprop=\"dateModified\" class=\"date updated\" content=\"2021-09-21T12:25:50+02:00\">\n\t\t<span class=\"hide\" itemprop=\"publisher\" itemscope itemtype=\"https:\/\/schema.org\/Organization\">\n\t\t\t<meta itemprop=\"name\" content=\"SocialistesdMca\">\n\t\t\t<span itemprop=\"logo\" itemscope itemtype=\"https:\/\/schema.org\/ImageObject\">\n\t\t\t\t<meta itemprop=\"url\" content=\"https:\/\/www.psib-psoe.org\/mallorca\/wp-content\/themes\/notio-wp\/assets\/img\/logo.png\">\n\t\t\t<\/span>\n\t\t\t<meta itemprop=\"url\" content=\"https:\/\/www.psib-psoe.org\/mallorca\/\">\n\t\t<\/span>\n\t\t\t\t<span class=\"hide\" itemprop=\"image\" itemscope itemtype=\"http:\/\/schema.org\/ImageObject\">\n\t\t\t<meta itemprop=\"url\" content=\"https:\/\/www.psib-psoe.org\/mallorca\/wp-content\/uploads\/WhatsApp-Image-2021-09-20-at-13.44.19-1.jpeg\">\n\t\t\t<meta itemprop=\"width\" content=\"960\">\n\t\t\t<meta itemprop=\"height\" content=\"541\">\n\t\t<\/span>\n\t\t\t\t<meta itemscope itemprop=\"mainEntityOfPage\" itemtype=\"https:\/\/schema.org\/WebPage\" itemid=\"https:\/\/www.psib-psoe.org\/mallorca\/els-socialistes-de-felanitx-lamenten-que-lequip-de-govern-negui-reconeixer-la-feina-altruista-dels-voluntaris-de-proteccio-civil\/\">\n\t<\/aside>\n\t\t<\/article>\n<\/div>\n<div class=\"small-12 large-4 columns\">\n\t<article itemscope itemtype=\"http:\/\/schema.org\/Article\" class=\"post blog-style7 alt post-26113 type-post status-publish format-standard has-post-thumbnail hentry category-federacio-de-mallorca category-municipis category-portada\" role=\"article\">\n\t\t<figure class=\"post-gallery\"><img loading=\"lazy\" decoding=\"async\" width=\"600\" height=\"400\" src=\"https:\/\/www.psib-psoe.org\/mallorca\/wp-content\/uploads\/Aina-Munar-Alaro-1-600x400.jpeg\" class=\"attachment-notio-general-x2 size-notio-general-x2 wp-post-image\" alt=\"\" srcset=\"https:\/\/www.psib-psoe.org\/mallorca\/wp-content\/uploads\/Aina-Munar-Alaro-1-600x400.jpeg 600w, https:\/\/www.psib-psoe.org\/mallorca\/wp-content\/uploads\/Aina-Munar-Alaro-1-300x200.jpeg 300w, https:\/\/www.psib-psoe.org\/mallorca\/wp-content\/uploads\/Aina-Munar-Alaro-1-768x512.jpeg 768w, https:\/\/www.psib-psoe.org\/mallorca\/wp-content\/uploads\/Aina-Munar-Alaro-1-150x100.jpeg 150w, https:\/\/www.psib-psoe.org\/mallorca\/wp-content\/uploads\/Aina-Munar-Alaro-1-900x600.jpeg 900w, https:\/\/www.psib-psoe.org\/mallorca\/wp-content\/uploads\/Aina-Munar-Alaro-1-20x13.jpeg 20w, https:\/\/www.psib-psoe.org\/mallorca\/wp-content\/uploads\/Aina-Munar-Alaro-1.jpeg 1000w\" sizes=\"(max-width: 600px) 100vw, 600px\" \/><\/figure>\n\t\t<div class=\"blog-top\">\n\t\t\t<header class=\"post-title entry-header\">\n\t\t\t\t<aside class=\"post-meta cf\">\n\t\t17\/09\/2021 \/ <a href=\"https:\/\/www.psib-psoe.org\/mallorca\/category\/federacio-de-mallorca\/\" rel=\"category tag\">Federaci\u00f3 de Mallorca<\/a>, <a href=\"https:\/\/www.psib-psoe.org\/mallorca\/category\/municipis\/\" rel=\"category tag\">Municipis<\/a>, <a href=\"https:\/\/www.psib-psoe.org\/mallorca\/category\/portada\/\" rel=\"category tag\">Portada<\/a><\/aside>\n\t\t\t\t<h3 itemprop=\"headline\"><a href=\"https:\/\/www.psib-psoe.org\/mallorca\/els-socialistes-dalaro-denuncien-la-mala-gestio-de-lequip-de-govern-que-ha-convocat-sa-fira-el-mateix-dia-de-la-prova-ciclista-mallorca-312\/\" title=\"Els Socialistes d\u2019Alar\u00f3 denuncien la mala gesti\u00f3 de l\u2019equip de govern, que ha convocat sa Fira el mateix dia de la prova ciclista Mallorca 312\">Els Socialistes d\u2019Alar\u00f3 denuncien la mala gesti\u00f3 de l\u2019equip de govern, que ha convocat sa Fira el mateix dia de la prova ciclista Mallorca 312<\/a><\/h3>\n\t\t\t<\/header>\n\t\t<\/div>\n\t\t<div class=\"post-content\">\n\t\t\t<a href=\"https:\/\/www.psib-psoe.org\/mallorca\/els-socialistes-dalaro-denuncien-la-mala-gestio-de-lequip-de-govern-que-ha-convocat-sa-fira-el-mateix-dia-de-la-prova-ciclista-mallorca-312\/\" class=\"more-link\">Read More<\/a>\n\t\t<\/div>\n\t\t\t<aside class=\"post-bottom-meta hide\">\n\t\t<strong rel=\"author\" itemprop=\"author\" class=\"author vcard\"><span class=\"fn\">Socialistes de Mallorca<\/span><\/strong>\n\t\t<time class=\"date published time\" datetime=\"2021-09-17T13:34:20+02:00\" itemprop=\"datePublished\" content=\"2021-09-17T13:34:20+02:00\">17\/09\/2021<\/time>\n\t\t<meta itemprop=\"dateModified\" class=\"date updated\" content=\"2021-09-17T13:34:20+02:00\">\n\t\t<span class=\"hide\" itemprop=\"publisher\" itemscope itemtype=\"https:\/\/schema.org\/Organization\">\n\t\t\t<meta itemprop=\"name\" content=\"SocialistesdMca\">\n\t\t\t<span itemprop=\"logo\" itemscope itemtype=\"https:\/\/schema.org\/ImageObject\">\n\t\t\t\t<meta itemprop=\"url\" content=\"https:\/\/www.psib-psoe.org\/mallorca\/wp-content\/themes\/notio-wp\/assets\/img\/logo.png\">\n\t\t\t<\/span>\n\t\t\t<meta itemprop=\"url\" content=\"https:\/\/www.psib-psoe.org\/mallorca\/\">\n\t\t<\/span>\n\t\t\t\t<span class=\"hide\" itemprop=\"image\" itemscope itemtype=\"http:\/\/schema.org\/ImageObject\">\n\t\t\t<meta itemprop=\"url\" content=\"https:\/\/www.psib-psoe.org\/mallorca\/wp-content\/uploads\/Aina-Munar-Alaro-1.jpeg\">\n\t\t\t<meta itemprop=\"width\" content=\"1000\">\n\t\t\t<meta itemprop=\"height\" content=\"667\">\n\t\t<\/span>\n\t\t\t\t<meta itemscope itemprop=\"mainEntityOfPage\" itemtype=\"https:\/\/schema.org\/WebPage\" itemid=\"https:\/\/www.psib-psoe.org\/mallorca\/els-socialistes-dalaro-denuncien-la-mala-gestio-de-lequip-de-govern-que-ha-convocat-sa-fira-el-mateix-dia-de-la-prova-ciclista-mallorca-312\/\">\n\t<\/aside>\n\t\t<\/article>\n<\/div>\n<div class=\"small-12 large-4 columns\">\n\t<article itemscope itemtype=\"http:\/\/schema.org\/Article\" class=\"post blog-style7 alt post-26111 type-post status-publish format-standard has-post-thumbnail hentry category-14e-congres-fsm category-federacio-de-mallorca tag-federacio-socialista-de-mallorca\" role=\"article\">\n\t\t<figure class=\"post-gallery\"><img loading=\"lazy\" decoding=\"async\" width=\"600\" height=\"400\" src=\"https:\/\/www.psib-psoe.org\/mallorca\/wp-content\/uploads\/20210904_Francina-Armengol_cap-delegacio-mallorca-800x600-600x400.jpeg\" class=\"attachment-notio-general-x2 size-notio-general-x2 wp-post-image\" alt=\"\" srcset=\"https:\/\/www.psib-psoe.org\/mallorca\/wp-content\/uploads\/20210904_Francina-Armengol_cap-delegacio-mallorca-800x600-600x400.jpeg 600w, https:\/\/www.psib-psoe.org\/mallorca\/wp-content\/uploads\/20210904_Francina-Armengol_cap-delegacio-mallorca-800x600-300x200.jpeg 300w, https:\/\/www.psib-psoe.org\/mallorca\/wp-content\/uploads\/20210904_Francina-Armengol_cap-delegacio-mallorca-800x600-20x13.jpeg 20w\" sizes=\"(max-width: 600px) 100vw, 600px\" \/><\/figure>\n\t\t<div class=\"blog-top\">\n\t\t\t<header class=\"post-title entry-header\">\n\t\t\t\t<aside class=\"post-meta cf\">\n\t\t16\/09\/2021 \/ <a href=\"https:\/\/www.psib-psoe.org\/mallorca\/category\/14e-congres-fsm\/\" rel=\"category tag\">14\u00e8 Congr\u00e9s FSM<\/a>, <a href=\"https:\/\/www.psib-psoe.org\/mallorca\/category\/federacio-de-mallorca\/\" rel=\"category tag\">Federaci\u00f3 de Mallorca<\/a><\/aside>\n\t\t\t\t<h3 itemprop=\"headline\"><a href=\"https:\/\/www.psib-psoe.org\/mallorca\/proposats-els-quinze-delegats-i-delegades-territorials-que-representaran-els-socialistes-de-les-illes-balears-al-40e-congres-del-psoe\/\" title=\"Proposats els quinze delegats i delegades territorials que representaran els socialistes de les Illes Balears al 40\u00e8 Congr\u00e9s del PSOE\">Proposats els quinze delegats i delegades territorials que representaran els socialistes de les Illes Balears al 40\u00e8 Congr\u00e9s del PSOE<\/a><\/h3>\n\t\t\t<\/header>\n\t\t<\/div>\n\t\t<div class=\"post-content\">\n\t\t\t<a href=\"https:\/\/www.psib-psoe.org\/mallorca\/proposats-els-quinze-delegats-i-delegades-territorials-que-representaran-els-socialistes-de-les-illes-balears-al-40e-congres-del-psoe\/\" class=\"more-link\">Read More<\/a>\n\t\t<\/div>\n\t\t\t<aside class=\"post-bottom-meta hide\">\n\t\t<strong rel=\"author\" itemprop=\"author\" class=\"author vcard\"><span class=\"fn\">adminpsib<\/span><\/strong>\n\t\t<time class=\"date published time\" datetime=\"2021-09-16T17:39:33+02:00\" itemprop=\"datePublished\" content=\"2021-09-16T17:39:33+02:00\">16\/09\/2021<\/time>\n\t\t<meta itemprop=\"dateModified\" class=\"date updated\" content=\"2021-10-22T18:56:13+02:00\">\n\t\t<span class=\"hide\" itemprop=\"publisher\" itemscope itemtype=\"https:\/\/schema.org\/Organization\">\n\t\t\t<meta itemprop=\"name\" content=\"SocialistesdMca\">\n\t\t\t<span itemprop=\"logo\" itemscope itemtype=\"https:\/\/schema.org\/ImageObject\">\n\t\t\t\t<meta itemprop=\"url\" content=\"https:\/\/www.psib-psoe.org\/mallorca\/wp-content\/themes\/notio-wp\/assets\/img\/logo.png\">\n\t\t\t<\/span>\n\t\t\t<meta itemprop=\"url\" content=\"https:\/\/www.psib-psoe.org\/mallorca\/\">\n\t\t<\/span>\n\t\t\t\t<span class=\"hide\" itemprop=\"image\" itemscope itemtype=\"http:\/\/schema.org\/ImageObject\">\n\t\t\t<meta itemprop=\"url\" content=\"https:\/\/www.psib-psoe.org\/mallorca\/wp-content\/uploads\/20210904_Francina-Armengol_cap-delegacio-mallorca-800x600.jpeg\">\n\t\t\t<meta itemprop=\"width\" content=\"800\">\n\t\t\t<meta itemprop=\"height\" content=\"600\">\n\t\t<\/span>\n\t\t\t\t<meta itemscope itemprop=\"mainEntityOfPage\" itemtype=\"https:\/\/schema.org\/WebPage\" itemid=\"https:\/\/www.psib-psoe.org\/mallorca\/proposats-els-quinze-delegats-i-delegades-territorials-que-representaran-els-socialistes-de-les-illes-balears-al-40e-congres-del-psoe\/\">\n\t<\/aside>\n\t\t<\/article>\n<\/div>\n<div class=\"small-12 large-4 columns\">\n\t<article itemscope itemtype=\"http:\/\/schema.org\/Article\" class=\"post blog-style7 alt post-26107 type-post status-publish format-standard has-post-thumbnail hentry category-federacio-de-mallorca category-municipis category-portada\" role=\"article\">\n\t\t<figure class=\"post-gallery\"><img loading=\"lazy\" decoding=\"async\" width=\"600\" height=\"400\" src=\"https:\/\/www.psib-psoe.org\/mallorca\/wp-content\/uploads\/210812-agrupaci\u00f3-mudan\u00e7a-seu-1-e1640690103432-600x400.jpeg\" class=\"attachment-notio-general-x2 size-notio-general-x2 wp-post-image\" alt=\"\" srcset=\"https:\/\/www.psib-psoe.org\/mallorca\/wp-content\/uploads\/210812-agrupaci\u00f3-mudan\u00e7a-seu-1-e1640690103432-600x400.jpeg 600w, https:\/\/www.psib-psoe.org\/mallorca\/wp-content\/uploads\/210812-agrupaci\u00f3-mudan\u00e7a-seu-1-e1640690103432-300x200.jpeg 300w, https:\/\/www.psib-psoe.org\/mallorca\/wp-content\/uploads\/210812-agrupaci\u00f3-mudan\u00e7a-seu-1-e1640690103432-20x13.jpeg 20w, https:\/\/www.psib-psoe.org\/mallorca\/wp-content\/uploads\/210812-agrupaci\u00f3-mudan\u00e7a-seu-1-e1640690103432-900x600.jpeg 900w\" sizes=\"(max-width: 600px) 100vw, 600px\" \/><\/figure>\n\t\t<div class=\"blog-top\">\n\t\t\t<header class=\"post-title entry-header\">\n\t\t\t\t<aside class=\"post-meta cf\">\n\t\t16\/09\/2021 \/ <a href=\"https:\/\/www.psib-psoe.org\/mallorca\/category\/federacio-de-mallorca\/\" rel=\"category tag\">Federaci\u00f3 de Mallorca<\/a>, <a href=\"https:\/\/www.psib-psoe.org\/mallorca\/category\/municipis\/\" rel=\"category tag\">Municipis<\/a>, <a href=\"https:\/\/www.psib-psoe.org\/mallorca\/category\/portada\/\" rel=\"category tag\">Portada<\/a><\/aside>\n\t\t\t\t<h3 itemprop=\"headline\"><a href=\"https:\/\/www.psib-psoe.org\/mallorca\/els-socialistes-de-llucmajor-demanen-a-lajuntament-que-doni-solucions-a-les-treballadores-del-servei-datencio-domiciliaria-de-sarenal\/\" title=\"Els Socialistes de Llucmajor demanen a l\u2019Ajuntament que doni solucions a les treballadores del servei d\u2019Atenci\u00f3 Domiciliaria de s\u2019Arenal\">Els Socialistes de Llucmajor demanen a l\u2019Ajuntament que doni solucions a les treballadores del servei d\u2019Atenci\u00f3 Domiciliaria de s\u2019Arenal<\/a><\/h3>\n\t\t\t<\/header>\n\t\t<\/div>\n\t\t<div class=\"post-content\">\n\t\t\t<a href=\"https:\/\/www.psib-psoe.org\/mallorca\/els-socialistes-de-llucmajor-demanen-a-lajuntament-que-doni-solucions-a-les-treballadores-del-servei-datencio-domiciliaria-de-sarenal\/\" class=\"more-link\">Read More<\/a>\n\t\t<\/div>\n\t\t\t<aside class=\"post-bottom-meta hide\">\n\t\t<strong rel=\"author\" itemprop=\"author\" class=\"author vcard\"><span class=\"fn\">Socialistes de Mallorca<\/span><\/strong>\n\t\t<time class=\"date published time\" datetime=\"2021-09-16T11:18:12+02:00\" itemprop=\"datePublished\" content=\"2021-09-16T11:18:12+02:00\">16\/09\/2021<\/time>\n\t\t<meta itemprop=\"dateModified\" class=\"date updated\" content=\"2021-09-16T11:18:12+02:00\">\n\t\t<span class=\"hide\" itemprop=\"publisher\" itemscope itemtype=\"https:\/\/schema.org\/Organization\">\n\t\t\t<meta itemprop=\"name\" content=\"SocialistesdMca\">\n\t\t\t<span itemprop=\"logo\" itemscope itemtype=\"https:\/\/schema.org\/ImageObject\">\n\t\t\t\t<meta itemprop=\"url\" content=\"https:\/\/www.psib-psoe.org\/mallorca\/wp-content\/themes\/notio-wp\/assets\/img\/logo.png\">\n\t\t\t<\/span>\n\t\t\t<meta itemprop=\"url\" content=\"https:\/\/www.psib-psoe.org\/mallorca\/\">\n\t\t<\/span>\n\t\t\t\t<span class=\"hide\" itemprop=\"image\" itemscope itemtype=\"http:\/\/schema.org\/ImageObject\">\n\t\t\t<meta itemprop=\"url\" content=\"https:\/\/www.psib-psoe.org\/mallorca\/wp-content\/uploads\/210812-agrupaci\u00f3-mudan\u00e7a-seu-1-e1640690103432.jpeg\">\n\t\t\t<meta itemprop=\"width\" content=\"1592\">\n\t\t\t<meta itemprop=\"height\" content=\"982\">\n\t\t<\/span>\n\t\t\t\t<meta itemscope itemprop=\"mainEntityOfPage\" itemtype=\"https:\/\/schema.org\/WebPage\" itemid=\"https:\/\/www.psib-psoe.org\/mallorca\/els-socialistes-de-llucmajor-demanen-a-lajuntament-que-doni-solucions-a-les-treballadores-del-servei-datencio-domiciliaria-de-sarenal\/\">\n\t<\/aside>\n\t\t<\/article>\n<\/div>\n<div class=\"small-12 large-4 columns\">\n\t<article itemscope itemtype=\"http:\/\/schema.org\/Article\" class=\"post blog-style7 alt post-26105 type-post status-publish format-standard has-post-thumbnail hentry category-federacio-de-mallorca category-municipis category-portada\" role=\"article\">\n\t\t<figure class=\"post-gallery\"><img loading=\"lazy\" decoding=\"async\" width=\"600\" height=\"400\" src=\"https:\/\/www.psib-psoe.org\/mallorca\/wp-content\/uploads\/Xisco-Duarte-Dami-Massut\u00ed-i-Gracia-Gonz\u00e1lez-1-600x400.jpeg\" class=\"attachment-notio-general-x2 size-notio-general-x2 wp-post-image\" alt=\"\" srcset=\"https:\/\/www.psib-psoe.org\/mallorca\/wp-content\/uploads\/Xisco-Duarte-Dami-Massut\u00ed-i-Gracia-Gonz\u00e1lez-1-600x400.jpeg 600w, https:\/\/www.psib-psoe.org\/mallorca\/wp-content\/uploads\/Xisco-Duarte-Dami-Massut\u00ed-i-Gracia-Gonz\u00e1lez-1-300x200.jpeg 300w, https:\/\/www.psib-psoe.org\/mallorca\/wp-content\/uploads\/Xisco-Duarte-Dami-Massut\u00ed-i-Gracia-Gonz\u00e1lez-1-900x600.jpeg 900w, https:\/\/www.psib-psoe.org\/mallorca\/wp-content\/uploads\/Xisco-Duarte-Dami-Massut\u00ed-i-Gracia-Gonz\u00e1lez-1-20x13.jpeg 20w\" sizes=\"(max-width: 600px) 100vw, 600px\" \/><\/figure>\n\t\t<div class=\"blog-top\">\n\t\t\t<header class=\"post-title entry-header\">\n\t\t\t\t<aside class=\"post-meta cf\">\n\t\t14\/09\/2021 \/ <a href=\"https:\/\/www.psib-psoe.org\/mallorca\/category\/federacio-de-mallorca\/\" rel=\"category tag\">Federaci\u00f3 de Mallorca<\/a>, <a href=\"https:\/\/www.psib-psoe.org\/mallorca\/category\/municipis\/\" rel=\"category tag\">Municipis<\/a>, <a href=\"https:\/\/www.psib-psoe.org\/mallorca\/category\/portada\/\" rel=\"category tag\">Portada<\/a><\/aside>\n\t\t\t\t<h3 itemprop=\"headline\"><a href=\"https:\/\/www.psib-psoe.org\/mallorca\/els-socialistes-de-felanitx-demanen-una-intervencio-urgent-per-reparar-el-mur-posterior-del-cementeri-abans-de-tots-sants\/\" title=\"Els socialistes de Felanitx demanen una intervenci\u00f3 urgent per reparar el mur posterior del cementeri abans de Tots Sants\">Els socialistes de Felanitx demanen una intervenci\u00f3 urgent per reparar el mur posterior del cementeri abans de Tots Sants<\/a><\/h3>\n\t\t\t<\/header>\n\t\t<\/div>\n\t\t<div class=\"post-content\">\n\t\t\t<a href=\"https:\/\/www.psib-psoe.org\/mallorca\/els-socialistes-de-felanitx-demanen-una-intervencio-urgent-per-reparar-el-mur-posterior-del-cementeri-abans-de-tots-sants\/\" class=\"more-link\">Read More<\/a>\n\t\t<\/div>\n\t\t\t<aside class=\"post-bottom-meta hide\">\n\t\t<strong rel=\"author\" itemprop=\"author\" class=\"author vcard\"><span class=\"fn\">Socialistes de Mallorca<\/span><\/strong>\n\t\t<time class=\"date published time\" datetime=\"2021-09-14T16:55:04+02:00\" itemprop=\"datePublished\" content=\"2021-09-14T16:55:04+02:00\">14\/09\/2021<\/time>\n\t\t<meta itemprop=\"dateModified\" class=\"date updated\" content=\"2021-09-14T16:55:04+02:00\">\n\t\t<span class=\"hide\" itemprop=\"publisher\" itemscope itemtype=\"https:\/\/schema.org\/Organization\">\n\t\t\t<meta itemprop=\"name\" content=\"SocialistesdMca\">\n\t\t\t<span itemprop=\"logo\" itemscope itemtype=\"https:\/\/schema.org\/ImageObject\">\n\t\t\t\t<meta itemprop=\"url\" content=\"https:\/\/www.psib-psoe.org\/mallorca\/wp-content\/themes\/notio-wp\/assets\/img\/logo.png\">\n\t\t\t<\/span>\n\t\t\t<meta itemprop=\"url\" content=\"https:\/\/www.psib-psoe.org\/mallorca\/\">\n\t\t<\/span>\n\t\t\t\t<span class=\"hide\" itemprop=\"image\" itemscope itemtype=\"http:\/\/schema.org\/ImageObject\">\n\t\t\t<meta itemprop=\"url\" content=\"https:\/\/www.psib-psoe.org\/mallorca\/wp-content\/uploads\/Xisco-Duarte-Dami-Massut\u00ed-i-Gracia-Gonz\u00e1lez-1.jpeg\">\n\t\t\t<meta itemprop=\"width\" content=\"1280\">\n\t\t\t<meta itemprop=\"height\" content=\"960\">\n\t\t<\/span>\n\t\t\t\t<meta itemscope itemprop=\"mainEntityOfPage\" itemtype=\"https:\/\/schema.org\/WebPage\" itemid=\"https:\/\/www.psib-psoe.org\/mallorca\/els-socialistes-de-felanitx-demanen-una-intervencio-urgent-per-reparar-el-mur-posterior-del-cementeri-abans-de-tots-sants\/\">\n\t<\/aside>\n\t\t<\/article>\n<\/div>\n<div class=\"small-12 large-4 columns\">\n\t<article itemscope itemtype=\"http:\/\/schema.org\/Article\" class=\"post blog-style7 alt post-26098 type-post status-publish format-standard has-post-thumbnail hentry category-federacio-de-mallorca tag-federacio-socialista-de-mallorca\" role=\"article\">\n\t\t<figure class=\"post-gallery\"><img loading=\"lazy\" decoding=\"async\" width=\"600\" height=\"400\" src=\"https:\/\/www.psib-psoe.org\/mallorca\/wp-content\/uploads\/20210904_Francina-Armengol_cap-delegacio-mallorca-600x400.jpeg\" class=\"attachment-notio-general-x2 size-notio-general-x2 wp-post-image\" alt=\"\" srcset=\"https:\/\/www.psib-psoe.org\/mallorca\/wp-content\/uploads\/20210904_Francina-Armengol_cap-delegacio-mallorca-600x400.jpeg 600w, https:\/\/www.psib-psoe.org\/mallorca\/wp-content\/uploads\/20210904_Francina-Armengol_cap-delegacio-mallorca-300x200.jpeg 300w, https:\/\/www.psib-psoe.org\/mallorca\/wp-content\/uploads\/20210904_Francina-Armengol_cap-delegacio-mallorca-900x600.jpeg 900w, https:\/\/www.psib-psoe.org\/mallorca\/wp-content\/uploads\/20210904_Francina-Armengol_cap-delegacio-mallorca-20x13.jpeg 20w\" sizes=\"(max-width: 600px) 100vw, 600px\" \/><\/figure>\n\t\t<div class=\"blog-top\">\n\t\t\t<header class=\"post-title entry-header\">\n\t\t\t\t<aside class=\"post-meta cf\">\n\t\t04\/09\/2021 \/ <a href=\"https:\/\/www.psib-psoe.org\/mallorca\/category\/federacio-de-mallorca\/\" rel=\"category tag\">Federaci\u00f3 de Mallorca<\/a><\/aside>\n\t\t\t\t<h3 itemprop=\"headline\"><a href=\"https:\/\/www.psib-psoe.org\/mallorca\/armengol-mora-agustinet-i-ramirez-precandidats-a-encapcalar-les-delegacions-territorials-de-les-illes-balears-al-40e-congres-del-psoe\/\" title=\"Armengol, Mora, Agustinet i Ram\u00edrez, precandidats a encap\u00e7alar les delegacions territorials de les Illes Balears al 40\u00e8 Congr\u00e9s del PSOE\">Armengol, Mora, Agustinet i Ram\u00edrez, precandidats a encap\u00e7alar les delegacions territorials de les Illes Balears al 40\u00e8 Congr\u00e9s del PSOE<\/a><\/h3>\n\t\t\t<\/header>\n\t\t<\/div>\n\t\t<div class=\"post-content\">\n\t\t\t<a href=\"https:\/\/www.psib-psoe.org\/mallorca\/armengol-mora-agustinet-i-ramirez-precandidats-a-encapcalar-les-delegacions-territorials-de-les-illes-balears-al-40e-congres-del-psoe\/\" class=\"more-link\">Read More<\/a>\n\t\t<\/div>\n\t\t\t<aside class=\"post-bottom-meta hide\">\n\t\t<strong rel=\"author\" itemprop=\"author\" class=\"author vcard\"><span class=\"fn\">adminpsib<\/span><\/strong>\n\t\t<time class=\"date published time\" datetime=\"2021-09-04T11:11:04+02:00\" itemprop=\"datePublished\" content=\"2021-09-04T11:11:04+02:00\">04\/09\/2021<\/time>\n\t\t<meta itemprop=\"dateModified\" class=\"date updated\" content=\"2021-09-04T11:11:04+02:00\">\n\t\t<span class=\"hide\" itemprop=\"publisher\" itemscope itemtype=\"https:\/\/schema.org\/Organization\">\n\t\t\t<meta itemprop=\"name\" content=\"SocialistesdMca\">\n\t\t\t<span itemprop=\"logo\" itemscope itemtype=\"https:\/\/schema.org\/ImageObject\">\n\t\t\t\t<meta itemprop=\"url\" content=\"https:\/\/www.psib-psoe.org\/mallorca\/wp-content\/themes\/notio-wp\/assets\/img\/logo.png\">\n\t\t\t<\/span>\n\t\t\t<meta itemprop=\"url\" content=\"https:\/\/www.psib-psoe.org\/mallorca\/\">\n\t\t<\/span>\n\t\t\t\t<span class=\"hide\" itemprop=\"image\" itemscope itemtype=\"http:\/\/schema.org\/ImageObject\">\n\t\t\t<meta itemprop=\"url\" content=\"https:\/\/www.psib-psoe.org\/mallorca\/wp-content\/uploads\/20210904_Francina-Armengol_cap-delegacio-mallorca.jpeg\">\n\t\t\t<meta itemprop=\"width\" content=\"1024\">\n\t\t\t<meta itemprop=\"height\" content=\"1024\">\n\t\t<\/span>\n\t\t\t\t<meta itemscope itemprop=\"mainEntityOfPage\" itemtype=\"https:\/\/schema.org\/WebPage\" itemid=\"https:\/\/www.psib-psoe.org\/mallorca\/armengol-mora-agustinet-i-ramirez-precandidats-a-encapcalar-les-delegacions-territorials-de-les-illes-balears-al-40e-congres-del-psoe\/\">\n\t<\/aside>\n\t\t<\/article>\n<\/div>\n<div class=\"small-12 large-4 columns\">\n\t<article itemscope itemtype=\"http:\/\/schema.org\/Article\" class=\"post blog-style7 alt post-26094 type-post status-publish format-standard has-post-thumbnail hentry category-federacio-de-mallorca category-municipis category-portada\" role=\"article\">\n\t\t<figure class=\"post-gallery\"><img loading=\"lazy\" decoding=\"async\" width=\"600\" height=\"400\" src=\"https:\/\/www.psib-psoe.org\/mallorca\/wp-content\/uploads\/WhatsApp-Image-2021-09-02-at-13.48.29-600x400.jpeg\" class=\"attachment-notio-general-x2 size-notio-general-x2 wp-post-image\" alt=\"\" srcset=\"https:\/\/www.psib-psoe.org\/mallorca\/wp-content\/uploads\/WhatsApp-Image-2021-09-02-at-13.48.29-600x400.jpeg 600w, https:\/\/www.psib-psoe.org\/mallorca\/wp-content\/uploads\/WhatsApp-Image-2021-09-02-at-13.48.29-300x200.jpeg 300w, https:\/\/www.psib-psoe.org\/mallorca\/wp-content\/uploads\/WhatsApp-Image-2021-09-02-at-13.48.29-900x600.jpeg 900w, https:\/\/www.psib-psoe.org\/mallorca\/wp-content\/uploads\/WhatsApp-Image-2021-09-02-at-13.48.29-20x13.jpeg 20w\" sizes=\"(max-width: 600px) 100vw, 600px\" \/><\/figure>\n\t\t<div class=\"blog-top\">\n\t\t\t<header class=\"post-title entry-header\">\n\t\t\t\t<aside class=\"post-meta cf\">\n\t\t02\/09\/2021 \/ <a href=\"https:\/\/www.psib-psoe.org\/mallorca\/category\/federacio-de-mallorca\/\" rel=\"category tag\">Federaci\u00f3 de Mallorca<\/a>, <a href=\"https:\/\/www.psib-psoe.org\/mallorca\/category\/municipis\/\" rel=\"category tag\">Municipis<\/a>, <a href=\"https:\/\/www.psib-psoe.org\/mallorca\/category\/portada\/\" rel=\"category tag\">Portada<\/a><\/aside>\n\t\t\t\t<h3 itemprop=\"headline\"><a href=\"https:\/\/www.psib-psoe.org\/mallorca\/els-socialistes-de-santanyi-i-suma-aconsegueixen-que-lajuntament-condemni-oficialment-el-cop-destat-del-36\/\" title=\"Els Socialistes de Santany\u00ed i SUMA aconsegueixen que l\u2019Ajuntament condemni oficialment el cop d\u2019estat del 36\">Els Socialistes de Santany\u00ed i SUMA aconsegueixen que l\u2019Ajuntament condemni oficialment el cop d\u2019estat del 36<\/a><\/h3>\n\t\t\t<\/header>\n\t\t<\/div>\n\t\t<div class=\"post-content\">\n\t\t\t<a href=\"https:\/\/www.psib-psoe.org\/mallorca\/els-socialistes-de-santanyi-i-suma-aconsegueixen-que-lajuntament-condemni-oficialment-el-cop-destat-del-36\/\" class=\"more-link\">Read More<\/a>\n\t\t<\/div>\n\t\t\t<aside class=\"post-bottom-meta hide\">\n\t\t<strong rel=\"author\" itemprop=\"author\" class=\"author vcard\"><span class=\"fn\">Socialistes de Mallorca<\/span><\/strong>\n\t\t<time class=\"date published time\" datetime=\"2021-09-02T16:08:24+02:00\" itemprop=\"datePublished\" content=\"2021-09-02T16:08:24+02:00\">02\/09\/2021<\/time>\n\t\t<meta itemprop=\"dateModified\" class=\"date updated\" content=\"2021-09-02T16:10:15+02:00\">\n\t\t<span class=\"hide\" itemprop=\"publisher\" itemscope itemtype=\"https:\/\/schema.org\/Organization\">\n\t\t\t<meta itemprop=\"name\" content=\"SocialistesdMca\">\n\t\t\t<span itemprop=\"logo\" itemscope itemtype=\"https:\/\/schema.org\/ImageObject\">\n\t\t\t\t<meta itemprop=\"url\" content=\"https:\/\/www.psib-psoe.org\/mallorca\/wp-content\/themes\/notio-wp\/assets\/img\/logo.png\">\n\t\t\t<\/span>\n\t\t\t<meta itemprop=\"url\" content=\"https:\/\/www.psib-psoe.org\/mallorca\/\">\n\t\t<\/span>\n\t\t\t\t<span class=\"hide\" itemprop=\"image\" itemscope itemtype=\"http:\/\/schema.org\/ImageObject\">\n\t\t\t<meta itemprop=\"url\" content=\"https:\/\/www.psib-psoe.org\/mallorca\/wp-content\/uploads\/WhatsApp-Image-2021-09-02-at-13.48.29.jpeg\">\n\t\t\t<meta itemprop=\"width\" content=\"1599\">\n\t\t\t<meta itemprop=\"height\" content=\"777\">\n\t\t<\/span>\n\t\t\t\t<meta itemscope itemprop=\"mainEntityOfPage\" itemtype=\"https:\/\/schema.org\/WebPage\" itemid=\"https:\/\/www.psib-psoe.org\/mallorca\/els-socialistes-de-santanyi-i-suma-aconsegueixen-que-lajuntament-condemni-oficialment-el-cop-destat-del-36\/\">\n\t<\/aside>\n\t\t<\/article>\n<\/div>\n<div class=\"small-12 large-4 columns\">\n\t<article itemscope itemtype=\"http:\/\/schema.org\/Article\" class=\"post blog-style7 alt post-26079 type-post status-publish format-standard has-post-thumbnail hentry category-federacio-de-mallorca category-municipis category-portada\" role=\"article\">\n\t\t<figure class=\"post-gallery\"><img loading=\"lazy\" decoding=\"async\" width=\"600\" height=\"400\" src=\"https:\/\/www.psib-psoe.org\/mallorca\/wp-content\/uploads\/210817-socialistes-felanitx-600x400.jpeg\" class=\"attachment-notio-general-x2 size-notio-general-x2 wp-post-image\" alt=\"\" srcset=\"https:\/\/www.psib-psoe.org\/mallorca\/wp-content\/uploads\/210817-socialistes-felanitx-600x400.jpeg 600w, https:\/\/www.psib-psoe.org\/mallorca\/wp-content\/uploads\/210817-socialistes-felanitx-300x200.jpeg 300w, https:\/\/www.psib-psoe.org\/mallorca\/wp-content\/uploads\/210817-socialistes-felanitx-900x600.jpeg 900w, https:\/\/www.psib-psoe.org\/mallorca\/wp-content\/uploads\/210817-socialistes-felanitx-20x13.jpeg 20w\" sizes=\"(max-width: 600px) 100vw, 600px\" \/><\/figure>\n\t\t<div class=\"blog-top\">\n\t\t\t<header class=\"post-title entry-header\">\n\t\t\t\t<aside class=\"post-meta cf\">\n\t\t21\/08\/2021 \/ <a href=\"https:\/\/www.psib-psoe.org\/mallorca\/category\/federacio-de-mallorca\/\" rel=\"category tag\">Federaci\u00f3 de Mallorca<\/a>, <a href=\"https:\/\/www.psib-psoe.org\/mallorca\/category\/municipis\/\" rel=\"category tag\">Municipis<\/a>, <a href=\"https:\/\/www.psib-psoe.org\/mallorca\/category\/portada\/\" rel=\"category tag\">Portada<\/a><\/aside>\n\t\t\t\t<h3 itemprop=\"headline\"><a href=\"https:\/\/www.psib-psoe.org\/mallorca\/els-socialistes-de-felanitx-denuncien-que-nomes-un-7-dels-felanitxers-gaudiran-dunes-festes-que-suposen-mes-de-130-000%e2%80%afe-per-les-arques-municipals\/\" title=\"Els Socialistes de Felanitx denuncien que nom\u00e9s un 7% dels felanitxers gaudiran d&#8217;unes festes que suposen m\u00e9s de 130.000\u202f\u20ac per les arques municipals\">Els Socialistes de Felanitx denuncien que nom\u00e9s un 7% dels felanitxers gaudiran d&#8217;unes festes que suposen m\u00e9s de 130.000\u202f\u20ac per les arques municipals<\/a><\/h3>\n\t\t\t<\/header>\n\t\t<\/div>\n\t\t<div class=\"post-content\">\n\t\t\t<a href=\"https:\/\/www.psib-psoe.org\/mallorca\/els-socialistes-de-felanitx-denuncien-que-nomes-un-7-dels-felanitxers-gaudiran-dunes-festes-que-suposen-mes-de-130-000%e2%80%afe-per-les-arques-municipals\/\" class=\"more-link\">Read More<\/a>\n\t\t<\/div>\n\t\t\t<aside class=\"post-bottom-meta hide\">\n\t\t<strong rel=\"author\" itemprop=\"author\" class=\"author vcard\"><span class=\"fn\">Socialistes de Mallorca<\/span><\/strong>\n\t\t<time class=\"date published time\" datetime=\"2021-08-21T12:48:35+02:00\" itemprop=\"datePublished\" content=\"2021-08-21T12:48:35+02:00\">21\/08\/2021<\/time>\n\t\t<meta itemprop=\"dateModified\" class=\"date updated\" content=\"2021-08-21T12:48:35+02:00\">\n\t\t<span class=\"hide\" itemprop=\"publisher\" itemscope itemtype=\"https:\/\/schema.org\/Organization\">\n\t\t\t<meta itemprop=\"name\" content=\"SocialistesdMca\">\n\t\t\t<span itemprop=\"logo\" itemscope itemtype=\"https:\/\/schema.org\/ImageObject\">\n\t\t\t\t<meta itemprop=\"url\" content=\"https:\/\/www.psib-psoe.org\/mallorca\/wp-content\/themes\/notio-wp\/assets\/img\/logo.png\">\n\t\t\t<\/span>\n\t\t\t<meta itemprop=\"url\" content=\"https:\/\/www.psib-psoe.org\/mallorca\/\">\n\t\t<\/span>\n\t\t\t\t<span class=\"hide\" itemprop=\"image\" itemscope itemtype=\"http:\/\/schema.org\/ImageObject\">\n\t\t\t<meta itemprop=\"url\" content=\"https:\/\/www.psib-psoe.org\/mallorca\/wp-content\/uploads\/210817-socialistes-felanitx.jpeg\">\n\t\t\t<meta itemprop=\"width\" content=\"1600\">\n\t\t\t<meta itemprop=\"height\" content=\"1200\">\n\t\t<\/span>\n\t\t\t\t<meta itemscope itemprop=\"mainEntityOfPage\" itemtype=\"https:\/\/schema.org\/WebPage\" itemid=\"https:\/\/www.psib-psoe.org\/mallorca\/els-socialistes-de-felanitx-denuncien-que-nomes-un-7-dels-felanitxers-gaudiran-dunes-festes-que-suposen-mes-de-130-000%e2%80%afe-per-les-arques-municipals\/\">\n\t<\/aside>\n\t\t<\/article>\n<\/div>\n<div class=\"small-12 large-4 columns\">\n\t<article itemscope itemtype=\"http:\/\/schema.org\/Article\" class=\"post blog-style7 alt post-26073 type-post status-publish format-standard has-post-thumbnail hentry category-federacio-de-mallorca category-municipis category-portada\" role=\"article\">\n\t\t<figure class=\"post-gallery\"><img loading=\"lazy\" decoding=\"async\" width=\"600\" height=\"400\" src=\"https:\/\/www.psib-psoe.org\/mallorca\/wp-content\/uploads\/210817-socialistes-felanitx-600x400.jpeg\" class=\"attachment-notio-general-x2 size-notio-general-x2 wp-post-image\" alt=\"\" srcset=\"https:\/\/www.psib-psoe.org\/mallorca\/wp-content\/uploads\/210817-socialistes-felanitx-600x400.jpeg 600w, https:\/\/www.psib-psoe.org\/mallorca\/wp-content\/uploads\/210817-socialistes-felanitx-300x200.jpeg 300w, https:\/\/www.psib-psoe.org\/mallorca\/wp-content\/uploads\/210817-socialistes-felanitx-900x600.jpeg 900w, https:\/\/www.psib-psoe.org\/mallorca\/wp-content\/uploads\/210817-socialistes-felanitx-20x13.jpeg 20w\" sizes=\"(max-width: 600px) 100vw, 600px\" \/><\/figure>\n\t\t<div class=\"blog-top\">\n\t\t\t<header class=\"post-title entry-header\">\n\t\t\t\t<aside class=\"post-meta cf\">\n\t\t17\/08\/2021 \/ <a href=\"https:\/\/www.psib-psoe.org\/mallorca\/category\/federacio-de-mallorca\/\" rel=\"category tag\">Federaci\u00f3 de Mallorca<\/a>, <a href=\"https:\/\/www.psib-psoe.org\/mallorca\/category\/municipis\/\" rel=\"category tag\">Municipis<\/a>, <a href=\"https:\/\/www.psib-psoe.org\/mallorca\/category\/portada\/\" rel=\"category tag\">Portada<\/a><\/aside>\n\t\t\t\t<h3 itemprop=\"headline\"><a href=\"https:\/\/www.psib-psoe.org\/mallorca\/els-socialistes-de-felanitx-denuncien-lopacitat-de-lequip-de-govern-i-la-falta-de-seny-davant-lorganitzacio-de-les-festes-de-sant-agusti\/\" title=\"Els Socialistes de Felanitx denuncien l&#8217;opacitat de l&#8217;equip de govern i la falta de seny davant l&#8217;organitzaci\u00f3 de les Festes de Sant Agust\u00ed\">Els Socialistes de Felanitx denuncien l&#8217;opacitat de l&#8217;equip de govern i la falta de seny davant l&#8217;organitzaci\u00f3 de les Festes de Sant Agust\u00ed<\/a><\/h3>\n\t\t\t<\/header>\n\t\t<\/div>\n\t\t<div class=\"post-content\">\n\t\t\t<a href=\"https:\/\/www.psib-psoe.org\/mallorca\/els-socialistes-de-felanitx-denuncien-lopacitat-de-lequip-de-govern-i-la-falta-de-seny-davant-lorganitzacio-de-les-festes-de-sant-agusti\/\" class=\"more-link\">Read More<\/a>\n\t\t<\/div>\n\t\t\t<aside class=\"post-bottom-meta hide\">\n\t\t<strong rel=\"author\" itemprop=\"author\" class=\"author vcard\"><span class=\"fn\">Socialistes de Mallorca<\/span><\/strong>\n\t\t<time class=\"date published time\" datetime=\"2021-08-17T14:04:04+02:00\" itemprop=\"datePublished\" content=\"2021-08-17T14:04:04+02:00\">17\/08\/2021<\/time>\n\t\t<meta itemprop=\"dateModified\" class=\"date updated\" content=\"2021-08-17T14:04:04+02:00\">\n\t\t<span class=\"hide\" itemprop=\"publisher\" itemscope itemtype=\"https:\/\/schema.org\/Organization\">\n\t\t\t<meta itemprop=\"name\" content=\"SocialistesdMca\">\n\t\t\t<span itemprop=\"logo\" itemscope itemtype=\"https:\/\/schema.org\/ImageObject\">\n\t\t\t\t<meta itemprop=\"url\" content=\"https:\/\/www.psib-psoe.org\/mallorca\/wp-content\/themes\/notio-wp\/assets\/img\/logo.png\">\n\t\t\t<\/span>\n\t\t\t<meta itemprop=\"url\" content=\"https:\/\/www.psib-psoe.org\/mallorca\/\">\n\t\t<\/span>\n\t\t\t\t<span class=\"hide\" itemprop=\"image\" itemscope itemtype=\"http:\/\/schema.org\/ImageObject\">\n\t\t\t<meta itemprop=\"url\" content=\"https:\/\/www.psib-psoe.org\/mallorca\/wp-content\/uploads\/210817-socialistes-felanitx.jpeg\">\n\t\t\t<meta itemprop=\"width\" content=\"1600\">\n\t\t\t<meta itemprop=\"height\" content=\"1200\">\n\t\t<\/span>\n\t\t\t\t<meta itemscope itemprop=\"mainEntityOfPage\" itemtype=\"https:\/\/schema.org\/WebPage\" itemid=\"https:\/\/www.psib-psoe.org\/mallorca\/els-socialistes-de-felanitx-denuncien-lopacitat-de-lequip-de-govern-i-la-falta-de-seny-davant-lorganitzacio-de-les-festes-de-sant-agusti\/\">\n\t<\/aside>\n\t\t<\/article>\n<\/div>\n<div class=\"small-12 large-4 columns\">\n\t<article itemscope itemtype=\"http:\/\/schema.org\/Article\" class=\"post blog-style7 alt post-26066 type-post status-publish format-standard has-post-thumbnail hentry category-federacio-de-mallorca category-municipis category-portada\" role=\"article\">\n\t\t<figure class=\"post-gallery\"><img loading=\"lazy\" decoding=\"async\" width=\"600\" height=\"400\" src=\"https:\/\/www.psib-psoe.org\/mallorca\/wp-content\/uploads\/Mallorca__negatiu-1000-1-600x400.png\" class=\"attachment-notio-general-x2 size-notio-general-x2 wp-post-image\" alt=\"\" srcset=\"https:\/\/www.psib-psoe.org\/mallorca\/wp-content\/uploads\/Mallorca__negatiu-1000-1-600x400.png 600w, https:\/\/www.psib-psoe.org\/mallorca\/wp-content\/uploads\/Mallorca__negatiu-1000-1-300x200.png 300w, https:\/\/www.psib-psoe.org\/mallorca\/wp-content\/uploads\/Mallorca__negatiu-1000-1-900x600.png 900w, https:\/\/www.psib-psoe.org\/mallorca\/wp-content\/uploads\/Mallorca__negatiu-1000-1-20x13.png 20w\" sizes=\"(max-width: 600px) 100vw, 600px\" \/><\/figure>\n\t\t<div class=\"blog-top\">\n\t\t\t<header class=\"post-title entry-header\">\n\t\t\t\t<aside class=\"post-meta cf\">\n\t\t17\/08\/2021 \/ <a href=\"https:\/\/www.psib-psoe.org\/mallorca\/category\/federacio-de-mallorca\/\" rel=\"category tag\">Federaci\u00f3 de Mallorca<\/a>, <a href=\"https:\/\/www.psib-psoe.org\/mallorca\/category\/municipis\/\" rel=\"category tag\">Municipis<\/a>, <a href=\"https:\/\/www.psib-psoe.org\/mallorca\/category\/portada\/\" rel=\"category tag\">Portada<\/a><\/aside>\n\t\t\t\t<h3 itemprop=\"headline\"><a href=\"https:\/\/www.psib-psoe.org\/mallorca\/els-socialistes-de-mallorca-exigim-a-asi-que-retiri-els-comentaris-antifeministes-i-demanam-al-batle-de-llucmajor-que-ho-condemni-2\/\" title=\"Els Socialistes de Mallorca exigim a ASI que retiri els comentaris antifeministes i demanam al batle de Llucmajor que ho condemni\">Els Socialistes de Mallorca exigim a ASI que retiri els comentaris antifeministes i demanam al batle de Llucmajor que ho condemni<\/a><\/h3>\n\t\t\t<\/header>\n\t\t<\/div>\n\t\t<div class=\"post-content\">\n\t\t\t<a href=\"https:\/\/www.psib-psoe.org\/mallorca\/els-socialistes-de-mallorca-exigim-a-asi-que-retiri-els-comentaris-antifeministes-i-demanam-al-batle-de-llucmajor-que-ho-condemni-2\/\" class=\"more-link\">Read More<\/a>\n\t\t<\/div>\n\t\t\t<aside class=\"post-bottom-meta hide\">\n\t\t<strong rel=\"author\" itemprop=\"author\" class=\"author vcard\"><span class=\"fn\">Socialistes de Mallorca<\/span><\/strong>\n\t\t<time class=\"date published time\" datetime=\"2021-08-17T11:54:47+02:00\" itemprop=\"datePublished\" content=\"2021-08-17T11:54:47+02:00\">17\/08\/2021<\/time>\n\t\t<meta itemprop=\"dateModified\" class=\"date updated\" content=\"2023-03-06T11:06:23+02:00\">\n\t\t<span class=\"hide\" itemprop=\"publisher\" itemscope itemtype=\"https:\/\/schema.org\/Organization\">\n\t\t\t<meta itemprop=\"name\" content=\"SocialistesdMca\">\n\t\t\t<span itemprop=\"logo\" itemscope itemtype=\"https:\/\/schema.org\/ImageObject\">\n\t\t\t\t<meta itemprop=\"url\" content=\"https:\/\/www.psib-psoe.org\/mallorca\/wp-content\/themes\/notio-wp\/assets\/img\/logo.png\">\n\t\t\t<\/span>\n\t\t\t<meta itemprop=\"url\" content=\"https:\/\/www.psib-psoe.org\/mallorca\/\">\n\t\t<\/span>\n\t\t\t\t<span class=\"hide\" itemprop=\"image\" itemscope itemtype=\"http:\/\/schema.org\/ImageObject\">\n\t\t\t<meta itemprop=\"url\" content=\"https:\/\/www.psib-psoe.org\/mallorca\/wp-content\/uploads\/Mallorca__negatiu-1000-1.png\">\n\t\t\t<meta itemprop=\"width\" content=\"1000\">\n\t\t\t<meta itemprop=\"height\" content=\"1000\">\n\t\t<\/span>\n\t\t\t\t<meta itemscope itemprop=\"mainEntityOfPage\" itemtype=\"https:\/\/schema.org\/WebPage\" itemid=\"https:\/\/www.psib-psoe.org\/mallorca\/els-socialistes-de-mallorca-exigim-a-asi-que-retiri-els-comentaris-antifeministes-i-demanam-al-batle-de-llucmajor-que-ho-condemni-2\/\">\n\t<\/aside>\n\t\t<\/article>\n<\/div>\n<div class=\"small-12 large-4 columns\">\n\t<article itemscope itemtype=\"http:\/\/schema.org\/Article\" class=\"post blog-style7 alt post-26059 type-post status-publish format-standard has-post-thumbnail hentry category-federacio-de-mallorca category-municipis category-portada\" role=\"article\">\n\t\t<figure class=\"post-gallery\"><img loading=\"lazy\" decoding=\"async\" width=\"600\" height=\"400\" src=\"https:\/\/www.psib-psoe.org\/mallorca\/wp-content\/uploads\/210812-agrupaci\u00f3-mudan\u00e7a-seu-600x400.jpeg\" class=\"attachment-notio-general-x2 size-notio-general-x2 wp-post-image\" alt=\"\" srcset=\"https:\/\/www.psib-psoe.org\/mallorca\/wp-content\/uploads\/210812-agrupaci\u00f3-mudan\u00e7a-seu-600x400.jpeg 600w, https:\/\/www.psib-psoe.org\/mallorca\/wp-content\/uploads\/210812-agrupaci\u00f3-mudan\u00e7a-seu-300x200.jpeg 300w, https:\/\/www.psib-psoe.org\/mallorca\/wp-content\/uploads\/210812-agrupaci\u00f3-mudan\u00e7a-seu-900x600.jpeg 900w, https:\/\/www.psib-psoe.org\/mallorca\/wp-content\/uploads\/210812-agrupaci\u00f3-mudan\u00e7a-seu-20x13.jpeg 20w\" sizes=\"(max-width: 600px) 100vw, 600px\" \/><\/figure>\n\t\t<div class=\"blog-top\">\n\t\t\t<header class=\"post-title entry-header\">\n\t\t\t\t<aside class=\"post-meta cf\">\n\t\t12\/08\/2021 \/ <a href=\"https:\/\/www.psib-psoe.org\/mallorca\/category\/federacio-de-mallorca\/\" rel=\"category tag\">Federaci\u00f3 de Mallorca<\/a>, <a href=\"https:\/\/www.psib-psoe.org\/mallorca\/category\/municipis\/\" rel=\"category tag\">Municipis<\/a>, <a href=\"https:\/\/www.psib-psoe.org\/mallorca\/category\/portada\/\" rel=\"category tag\">Portada<\/a><\/aside>\n\t\t\t\t<h3 itemprop=\"headline\"><a href=\"https:\/\/www.psib-psoe.org\/mallorca\/els-socialistes-de-llucmajor-estrenen-seu-al-carrer-de-sa-fira\/\" title=\"Els socialistes de Llucmajor estrenen seu al carrer de Sa Fira\">Els socialistes de Llucmajor estrenen seu al carrer de Sa Fira<\/a><\/h3>\n\t\t\t<\/header>\n\t\t<\/div>\n\t\t<div class=\"post-content\">\n\t\t\t<a href=\"https:\/\/www.psib-psoe.org\/mallorca\/els-socialistes-de-llucmajor-estrenen-seu-al-carrer-de-sa-fira\/\" class=\"more-link\">Read More<\/a>\n\t\t<\/div>\n\t\t\t<aside class=\"post-bottom-meta hide\">\n\t\t<strong rel=\"author\" itemprop=\"author\" class=\"author vcard\"><span class=\"fn\">Socialistes de Mallorca<\/span><\/strong>\n\t\t<time class=\"date published time\" datetime=\"2021-08-12T10:48:35+02:00\" itemprop=\"datePublished\" content=\"2021-08-12T10:48:35+02:00\">12\/08\/2021<\/time>\n\t\t<meta itemprop=\"dateModified\" class=\"date updated\" content=\"2021-08-17T14:49:15+02:00\">\n\t\t<span class=\"hide\" itemprop=\"publisher\" itemscope itemtype=\"https:\/\/schema.org\/Organization\">\n\t\t\t<meta itemprop=\"name\" content=\"SocialistesdMca\">\n\t\t\t<span itemprop=\"logo\" itemscope itemtype=\"https:\/\/schema.org\/ImageObject\">\n\t\t\t\t<meta itemprop=\"url\" content=\"https:\/\/www.psib-psoe.org\/mallorca\/wp-content\/themes\/notio-wp\/assets\/img\/logo.png\">\n\t\t\t<\/span>\n\t\t\t<meta itemprop=\"url\" content=\"https:\/\/www.psib-psoe.org\/mallorca\/\">\n\t\t<\/span>\n\t\t\t\t<span class=\"hide\" itemprop=\"image\" itemscope itemtype=\"http:\/\/schema.org\/ImageObject\">\n\t\t\t<meta itemprop=\"url\" content=\"https:\/\/www.psib-psoe.org\/mallorca\/wp-content\/uploads\/210812-agrupaci\u00f3-mudan\u00e7a-seu.jpeg\">\n\t\t\t<meta itemprop=\"width\" content=\"2016\">\n\t\t\t<meta itemprop=\"height\" content=\"1512\">\n\t\t<\/span>\n\t\t\t\t<meta itemscope itemprop=\"mainEntityOfPage\" itemtype=\"https:\/\/schema.org\/WebPage\" itemid=\"https:\/\/www.psib-psoe.org\/mallorca\/els-socialistes-de-llucmajor-estrenen-seu-al-carrer-de-sa-fira\/\">\n\t<\/aside>\n\t\t<\/article>\n<\/div>\n<div class=\"small-12 large-4 columns\">\n\t<article itemscope itemtype=\"http:\/\/schema.org\/Article\" class=\"post blog-style7 alt post-26052 type-post status-publish format-standard has-post-thumbnail hentry category-federacio-de-mallorca category-municipis category-portada\" role=\"article\">\n\t\t<figure class=\"post-gallery\"><img loading=\"lazy\" decoding=\"async\" width=\"600\" height=\"400\" src=\"https:\/\/www.psib-psoe.org\/mallorca\/wp-content\/uploads\/fems-felanitx-600x400.jpeg\" class=\"attachment-notio-general-x2 size-notio-general-x2 wp-post-image\" alt=\"\" srcset=\"https:\/\/www.psib-psoe.org\/mallorca\/wp-content\/uploads\/fems-felanitx-600x400.jpeg 600w, https:\/\/www.psib-psoe.org\/mallorca\/wp-content\/uploads\/fems-felanitx-300x200.jpeg 300w, https:\/\/www.psib-psoe.org\/mallorca\/wp-content\/uploads\/fems-felanitx-20x13.jpeg 20w\" sizes=\"(max-width: 600px) 100vw, 600px\" \/><\/figure>\n\t\t<div class=\"blog-top\">\n\t\t\t<header class=\"post-title entry-header\">\n\t\t\t\t<aside class=\"post-meta cf\">\n\t\t10\/08\/2021 \/ <a href=\"https:\/\/www.psib-psoe.org\/mallorca\/category\/federacio-de-mallorca\/\" rel=\"category tag\">Federaci\u00f3 de Mallorca<\/a>, <a href=\"https:\/\/www.psib-psoe.org\/mallorca\/category\/municipis\/\" rel=\"category tag\">Municipis<\/a>, <a href=\"https:\/\/www.psib-psoe.org\/mallorca\/category\/portada\/\" rel=\"category tag\">Portada<\/a><\/aside>\n\t\t\t\t<h3 itemprop=\"headline\"><a href=\"https:\/\/www.psib-psoe.org\/mallorca\/els-socialistes-de-felanitx-denuncien-la-inaccio-de-lequip-de-govern-davant-el-problema-de-residus-que-desborda-tot-el-terme-municipal\/\" title=\"Els socialistes de Felanitx denuncien la inacci\u00f3 de l&#8217;equip de govern davant el problema de residus que desborda tot el terme municipal\">Els socialistes de Felanitx denuncien la inacci\u00f3 de l&#8217;equip de govern davant el problema de residus que desborda tot el terme municipal<\/a><\/h3>\n\t\t\t<\/header>\n\t\t<\/div>\n\t\t<div class=\"post-content\">\n\t\t\t<a href=\"https:\/\/www.psib-psoe.org\/mallorca\/els-socialistes-de-felanitx-denuncien-la-inaccio-de-lequip-de-govern-davant-el-problema-de-residus-que-desborda-tot-el-terme-municipal\/\" class=\"more-link\">Read More<\/a>\n\t\t<\/div>\n\t\t\t<aside class=\"post-bottom-meta hide\">\n\t\t<strong rel=\"author\" itemprop=\"author\" class=\"author vcard\"><span class=\"fn\">Socialistes de Mallorca<\/span><\/strong>\n\t\t<time class=\"date published time\" datetime=\"2021-08-10T12:58:36+02:00\" itemprop=\"datePublished\" content=\"2021-08-10T12:58:36+02:00\">10\/08\/2021<\/time>\n\t\t<meta itemprop=\"dateModified\" class=\"date updated\" content=\"2021-08-10T12:59:57+02:00\">\n\t\t<span class=\"hide\" itemprop=\"publisher\" itemscope itemtype=\"https:\/\/schema.org\/Organization\">\n\t\t\t<meta itemprop=\"name\" content=\"SocialistesdMca\">\n\t\t\t<span itemprop=\"logo\" itemscope itemtype=\"https:\/\/schema.org\/ImageObject\">\n\t\t\t\t<meta itemprop=\"url\" content=\"https:\/\/www.psib-psoe.org\/mallorca\/wp-content\/themes\/notio-wp\/assets\/img\/logo.png\">\n\t\t\t<\/span>\n\t\t\t<meta itemprop=\"url\" content=\"https:\/\/www.psib-psoe.org\/mallorca\/\">\n\t\t<\/span>\n\t\t\t\t<span class=\"hide\" itemprop=\"image\" itemscope itemtype=\"http:\/\/schema.org\/ImageObject\">\n\t\t\t<meta itemprop=\"url\" content=\"https:\/\/www.psib-psoe.org\/mallorca\/wp-content\/uploads\/fems-felanitx.jpeg\">\n\t\t\t<meta itemprop=\"width\" content=\"720\">\n\t\t\t<meta itemprop=\"height\" content=\"960\">\n\t\t<\/span>\n\t\t\t\t<meta itemscope itemprop=\"mainEntityOfPage\" itemtype=\"https:\/\/schema.org\/WebPage\" itemid=\"https:\/\/www.psib-psoe.org\/mallorca\/els-socialistes-de-felanitx-denuncien-la-inaccio-de-lequip-de-govern-davant-el-problema-de-residus-que-desborda-tot-el-terme-municipal\/\">\n\t<\/aside>\n\t\t<\/article>\n<\/div>\n<div class=\"small-12 large-4 columns\">\n\t<article itemscope itemtype=\"http:\/\/schema.org\/Article\" class=\"post blog-style7 alt post-26050 type-post status-publish format-standard has-post-thumbnail hentry category-federacio-de-mallorca tag-federacio-socialista-de-mallorca\" role=\"article\">\n\t\t<figure class=\"post-gallery\"><img loading=\"lazy\" decoding=\"async\" width=\"600\" height=\"400\" src=\"https:\/\/www.psib-psoe.org\/mallorca\/wp-content\/uploads\/Bonet-Abascal-Moll-600x400.jpeg\" class=\"attachment-notio-general-x2 size-notio-general-x2 wp-post-image\" alt=\"\" srcset=\"https:\/\/www.psib-psoe.org\/mallorca\/wp-content\/uploads\/Bonet-Abascal-Moll-600x400.jpeg 600w, https:\/\/www.psib-psoe.org\/mallorca\/wp-content\/uploads\/Bonet-Abascal-Moll-300x200.jpeg 300w, https:\/\/www.psib-psoe.org\/mallorca\/wp-content\/uploads\/Bonet-Abascal-Moll-20x13.jpeg 20w\" sizes=\"(max-width: 600px) 100vw, 600px\" \/><\/figure>\n\t\t<div class=\"blog-top\">\n\t\t\t<header class=\"post-title entry-header\">\n\t\t\t\t<aside class=\"post-meta cf\">\n\t\t08\/08\/2021 \/ <a href=\"https:\/\/www.psib-psoe.org\/mallorca\/category\/federacio-de-mallorca\/\" rel=\"category tag\">Federaci\u00f3 de Mallorca<\/a><\/aside>\n\t\t\t\t<h3 itemprop=\"headline\"><a href=\"https:\/\/www.psib-psoe.org\/mallorca\/les-illes-balears-reben-del-govern-despanya-gairebe-el-triple-de-recursos-a-lany-per-a-politiques-dhabitatge-denca-que-pedro-sanchez-es-president\/\" title=\"Les Illes Balears reben del Govern d\u2019Espanya gaireb\u00e9 el triple de recursos a l\u2019any per a pol\u00edtiques d\u2019habitatge d\u2019en\u00e7\u00e0 que Pedro S\u00e1nchez \u00e9s president\">Les Illes Balears reben del Govern d\u2019Espanya gaireb\u00e9 el triple de recursos a l\u2019any per a pol\u00edtiques d\u2019habitatge d\u2019en\u00e7\u00e0 que Pedro S\u00e1nchez \u00e9s president<\/a><\/h3>\n\t\t\t<\/header>\n\t\t<\/div>\n\t\t<div class=\"post-content\">\n\t\t\t<a href=\"https:\/\/www.psib-psoe.org\/mallorca\/les-illes-balears-reben-del-govern-despanya-gairebe-el-triple-de-recursos-a-lany-per-a-politiques-dhabitatge-denca-que-pedro-sanchez-es-president\/\" class=\"more-link\">Read More<\/a>\n\t\t<\/div>\n\t\t\t<aside class=\"post-bottom-meta hide\">\n\t\t<strong rel=\"author\" itemprop=\"author\" class=\"author vcard\"><span class=\"fn\">adminpsib<\/span><\/strong>\n\t\t<time class=\"date published time\" datetime=\"2021-08-08T11:10:14+02:00\" itemprop=\"datePublished\" content=\"2021-08-08T11:10:14+02:00\">08\/08\/2021<\/time>\n\t\t<meta itemprop=\"dateModified\" class=\"date updated\" content=\"2021-08-08T11:10:14+02:00\">\n\t\t<span class=\"hide\" itemprop=\"publisher\" itemscope itemtype=\"https:\/\/schema.org\/Organization\">\n\t\t\t<meta itemprop=\"name\" content=\"SocialistesdMca\">\n\t\t\t<span itemprop=\"logo\" itemscope itemtype=\"https:\/\/schema.org\/ImageObject\">\n\t\t\t\t<meta itemprop=\"url\" content=\"https:\/\/www.psib-psoe.org\/mallorca\/wp-content\/themes\/notio-wp\/assets\/img\/logo.png\">\n\t\t\t<\/span>\n\t\t\t<meta itemprop=\"url\" content=\"https:\/\/www.psib-psoe.org\/mallorca\/\">\n\t\t<\/span>\n\t\t\t\t<span class=\"hide\" itemprop=\"image\" itemscope itemtype=\"http:\/\/schema.org\/ImageObject\">\n\t\t\t<meta itemprop=\"url\" content=\"https:\/\/www.psib-psoe.org\/mallorca\/wp-content\/uploads\/Bonet-Abascal-Moll.jpeg\">\n\t\t\t<meta itemprop=\"width\" content=\"716\">\n\t\t\t<meta itemprop=\"height\" content=\"430\">\n\t\t<\/span>\n\t\t\t\t<meta itemscope itemprop=\"mainEntityOfPage\" itemtype=\"https:\/\/schema.org\/WebPage\" itemid=\"https:\/\/www.psib-psoe.org\/mallorca\/les-illes-balears-reben-del-govern-despanya-gairebe-el-triple-de-recursos-a-lany-per-a-politiques-dhabitatge-denca-que-pedro-sanchez-es-president\/\">\n\t<\/aside>\n\t\t<\/article>\n<\/div>\n<div class=\"small-12 large-4 columns\">\n\t<article itemscope itemtype=\"http:\/\/schema.org\/Article\" class=\"post blog-style7 alt post-26046 type-post status-publish format-standard has-post-thumbnail hentry category-federacio-de-mallorca category-municipis category-portada\" role=\"article\">\n\t\t<figure class=\"post-gallery\"><img loading=\"lazy\" decoding=\"async\" width=\"418\" height=\"400\" src=\"https:\/\/www.psib-psoe.org\/mallorca\/wp-content\/uploads\/felanitx-fems2-418x400.jpeg\" class=\"attachment-notio-general-x2 size-notio-general-x2 wp-post-image\" alt=\"\" srcset=\"https:\/\/www.psib-psoe.org\/mallorca\/wp-content\/uploads\/felanitx-fems2-418x400.jpeg 418w, https:\/\/www.psib-psoe.org\/mallorca\/wp-content\/uploads\/felanitx-fems2-20x18.jpeg 20w\" sizes=\"(max-width: 418px) 100vw, 418px\" \/><\/figure>\n\t\t<div class=\"blog-top\">\n\t\t\t<header class=\"post-title entry-header\">\n\t\t\t\t<aside class=\"post-meta cf\">\n\t\t05\/08\/2021 \/ <a href=\"https:\/\/www.psib-psoe.org\/mallorca\/category\/federacio-de-mallorca\/\" rel=\"category tag\">Federaci\u00f3 de Mallorca<\/a>, <a href=\"https:\/\/www.psib-psoe.org\/mallorca\/category\/municipis\/\" rel=\"category tag\">Municipis<\/a>, <a href=\"https:\/\/www.psib-psoe.org\/mallorca\/category\/portada\/\" rel=\"category tag\">Portada<\/a><\/aside>\n\t\t\t\t<h3 itemprop=\"headline\"><a href=\"https:\/\/www.psib-psoe.org\/mallorca\/els-socialistes-de-felanitx-denuncien-que-les-mancances-de-neteja-estan-provocant-problemes-de-salubritat-al-municipi\/\" title=\"Els socialistes de Felanitx denuncien que les mancances de neteja estan provocant problemes de salubritat al municipi\">Els socialistes de Felanitx denuncien que les mancances de neteja estan provocant problemes de salubritat al municipi<\/a><\/h3>\n\t\t\t<\/header>\n\t\t<\/div>\n\t\t<div class=\"post-content\">\n\t\t\t<a href=\"https:\/\/www.psib-psoe.org\/mallorca\/els-socialistes-de-felanitx-denuncien-que-les-mancances-de-neteja-estan-provocant-problemes-de-salubritat-al-municipi\/\" class=\"more-link\">Read More<\/a>\n\t\t<\/div>\n\t\t\t<aside class=\"post-bottom-meta hide\">\n\t\t<strong rel=\"author\" itemprop=\"author\" class=\"author vcard\"><span class=\"fn\">Socialistes de Mallorca<\/span><\/strong>\n\t\t<time class=\"date published time\" datetime=\"2021-08-05T10:17:55+02:00\" itemprop=\"datePublished\" content=\"2021-08-05T10:17:55+02:00\">05\/08\/2021<\/time>\n\t\t<meta itemprop=\"dateModified\" class=\"date updated\" content=\"2021-08-05T10:17:55+02:00\">\n\t\t<span class=\"hide\" itemprop=\"publisher\" itemscope itemtype=\"https:\/\/schema.org\/Organization\">\n\t\t\t<meta itemprop=\"name\" content=\"SocialistesdMca\">\n\t\t\t<span itemprop=\"logo\" itemscope itemtype=\"https:\/\/schema.org\/ImageObject\">\n\t\t\t\t<meta itemprop=\"url\" content=\"https:\/\/www.psib-psoe.org\/mallorca\/wp-content\/themes\/notio-wp\/assets\/img\/logo.png\">\n\t\t\t<\/span>\n\t\t\t<meta itemprop=\"url\" content=\"https:\/\/www.psib-psoe.org\/mallorca\/\">\n\t\t<\/span>\n\t\t\t\t<span class=\"hide\" itemprop=\"image\" itemscope itemtype=\"http:\/\/schema.org\/ImageObject\">\n\t\t\t<meta itemprop=\"url\" content=\"https:\/\/www.psib-psoe.org\/mallorca\/wp-content\/uploads\/felanitx-fems2.jpeg\">\n\t\t\t<meta itemprop=\"width\" content=\"418\">\n\t\t\t<meta itemprop=\"height\" content=\"559\">\n\t\t<\/span>\n\t\t\t\t<meta itemscope itemprop=\"mainEntityOfPage\" itemtype=\"https:\/\/schema.org\/WebPage\" itemid=\"https:\/\/www.psib-psoe.org\/mallorca\/els-socialistes-de-felanitx-denuncien-que-les-mancances-de-neteja-estan-provocant-problemes-de-salubritat-al-municipi\/\">\n\t<\/aside>\n\t\t<\/article>\n<\/div>\n<div class=\"small-12 large-4 columns\">\n\t<article itemscope itemtype=\"http:\/\/schema.org\/Article\" class=\"post blog-style7 alt post-26044 type-post status-publish format-standard has-post-thumbnail hentry category-federacio-de-mallorca category-municipis category-portada tag-llucmajor tag-memoria-de-mallorca tag-memoria-democratica tag-socialistes-de-mallorca\" role=\"article\">\n\t\t<figure class=\"post-gallery\"><img loading=\"lazy\" decoding=\"async\" width=\"600\" height=\"400\" src=\"https:\/\/www.psib-psoe.org\/mallorca\/wp-content\/uploads\/foto-Llucmajor-600x400.jpeg\" class=\"attachment-notio-general-x2 size-notio-general-x2 wp-post-image\" alt=\"\" srcset=\"https:\/\/www.psib-psoe.org\/mallorca\/wp-content\/uploads\/foto-Llucmajor-600x400.jpeg 600w, https:\/\/www.psib-psoe.org\/mallorca\/wp-content\/uploads\/foto-Llucmajor-300x200.jpeg 300w, https:\/\/www.psib-psoe.org\/mallorca\/wp-content\/uploads\/foto-Llucmajor-768x513.jpeg 768w, https:\/\/www.psib-psoe.org\/mallorca\/wp-content\/uploads\/foto-Llucmajor-150x100.jpeg 150w, https:\/\/www.psib-psoe.org\/mallorca\/wp-content\/uploads\/foto-Llucmajor-900x600.jpeg 900w, https:\/\/www.psib-psoe.org\/mallorca\/wp-content\/uploads\/foto-Llucmajor-20x13.jpeg 20w, https:\/\/www.psib-psoe.org\/mallorca\/wp-content\/uploads\/foto-Llucmajor.jpeg 1000w\" sizes=\"(max-width: 600px) 100vw, 600px\" \/><\/figure>\n\t\t<div class=\"blog-top\">\n\t\t\t<header class=\"post-title entry-header\">\n\t\t\t\t<aside class=\"post-meta cf\">\n\t\t29\/07\/2021 \/ <a href=\"https:\/\/www.psib-psoe.org\/mallorca\/category\/federacio-de-mallorca\/\" rel=\"category tag\">Federaci\u00f3 de Mallorca<\/a>, <a href=\"https:\/\/www.psib-psoe.org\/mallorca\/category\/municipis\/\" rel=\"category tag\">Municipis<\/a>, <a href=\"https:\/\/www.psib-psoe.org\/mallorca\/category\/portada\/\" rel=\"category tag\">Portada<\/a><\/aside>\n\t\t\t\t<h3 itemprop=\"headline\"><a href=\"https:\/\/www.psib-psoe.org\/mallorca\/consideram-absoluta-vergonya-menyspreu-victimes-pp-llucmajor-segueixi-sense-condemnar-cop-estat-dictadura\/\" title=\"Els Socialistes de Mallorca consideren una \u201cabsoluta vergonya i un menyspreu a les v\u00edctimes\u201d que el PP de Llucmajor segueixi sense condemnar el cop d\u2019estat i la dictadura\">Els Socialistes de Mallorca consideren una \u201cabsoluta vergonya i un menyspreu a les v\u00edctimes\u201d que el PP de Llucmajor segueixi sense condemnar el cop d\u2019estat i la dictadura<\/a><\/h3>\n\t\t\t<\/header>\n\t\t<\/div>\n\t\t<div class=\"post-content\">\n\t\t\t<a href=\"https:\/\/www.psib-psoe.org\/mallorca\/consideram-absoluta-vergonya-menyspreu-victimes-pp-llucmajor-segueixi-sense-condemnar-cop-estat-dictadura\/\" class=\"more-link\">Read More<\/a>\n\t\t<\/div>\n\t\t\t<aside class=\"post-bottom-meta hide\">\n\t\t<strong rel=\"author\" itemprop=\"author\" class=\"author vcard\"><span class=\"fn\">Albert<\/span><\/strong>\n\t\t<time class=\"date published time\" datetime=\"2021-07-29T11:32:16+02:00\" itemprop=\"datePublished\" content=\"2021-07-29T11:32:16+02:00\">29\/07\/2021<\/time>\n\t\t<meta itemprop=\"dateModified\" class=\"date updated\" content=\"2021-07-29T11:32:16+02:00\">\n\t\t<span class=\"hide\" itemprop=\"publisher\" itemscope itemtype=\"https:\/\/schema.org\/Organization\">\n\t\t\t<meta itemprop=\"name\" content=\"SocialistesdMca\">\n\t\t\t<span itemprop=\"logo\" itemscope itemtype=\"https:\/\/schema.org\/ImageObject\">\n\t\t\t\t<meta itemprop=\"url\" content=\"https:\/\/www.psib-psoe.org\/mallorca\/wp-content\/themes\/notio-wp\/assets\/img\/logo.png\">\n\t\t\t<\/span>\n\t\t\t<meta itemprop=\"url\" content=\"https:\/\/www.psib-psoe.org\/mallorca\/\">\n\t\t<\/span>\n\t\t\t\t<span class=\"hide\" itemprop=\"image\" itemscope itemtype=\"http:\/\/schema.org\/ImageObject\">\n\t\t\t<meta itemprop=\"url\" content=\"https:\/\/www.psib-psoe.org\/mallorca\/wp-content\/uploads\/foto-Llucmajor.jpeg\">\n\t\t\t<meta itemprop=\"width\" content=\"1000\">\n\t\t\t<meta itemprop=\"height\" content=\"668\">\n\t\t<\/span>\n\t\t\t\t<meta itemscope itemprop=\"mainEntityOfPage\" itemtype=\"https:\/\/schema.org\/WebPage\" itemid=\"https:\/\/www.psib-psoe.org\/mallorca\/consideram-absoluta-vergonya-menyspreu-victimes-pp-llucmajor-segueixi-sense-condemnar-cop-estat-dictadura\/\">\n\t<\/aside>\n\t\t<\/article>\n<\/div>\n<div class=\"small-12 large-4 columns\">\n\t<article itemscope itemtype=\"http:\/\/schema.org\/Article\" class=\"post blog-style7 alt post-26035 type-post status-publish format-standard has-post-thumbnail hentry category-federacio-de-mallorca category-portada\" role=\"article\">\n\t\t<figure class=\"post-gallery\"><img loading=\"lazy\" decoding=\"async\" width=\"600\" height=\"400\" src=\"https:\/\/www.psib-psoe.org\/mallorca\/wp-content\/uploads\/20210724_EXECUTIVA-FSM-600x400.jpeg\" class=\"attachment-notio-general-x2 size-notio-general-x2 wp-post-image\" alt=\"\" srcset=\"https:\/\/www.psib-psoe.org\/mallorca\/wp-content\/uploads\/20210724_EXECUTIVA-FSM-600x400.jpeg 600w, https:\/\/www.psib-psoe.org\/mallorca\/wp-content\/uploads\/20210724_EXECUTIVA-FSM-300x200.jpeg 300w, https:\/\/www.psib-psoe.org\/mallorca\/wp-content\/uploads\/20210724_EXECUTIVA-FSM-768x512.jpeg 768w, https:\/\/www.psib-psoe.org\/mallorca\/wp-content\/uploads\/20210724_EXECUTIVA-FSM-1024x683.jpeg 1024w, https:\/\/www.psib-psoe.org\/mallorca\/wp-content\/uploads\/20210724_EXECUTIVA-FSM-150x100.jpeg 150w, https:\/\/www.psib-psoe.org\/mallorca\/wp-content\/uploads\/20210724_EXECUTIVA-FSM-900x600.jpeg 900w, https:\/\/www.psib-psoe.org\/mallorca\/wp-content\/uploads\/20210724_EXECUTIVA-FSM-20x13.jpeg 20w\" sizes=\"(max-width: 600px) 100vw, 600px\" \/><\/figure>\n\t\t<div class=\"blog-top\">\n\t\t\t<header class=\"post-title entry-header\">\n\t\t\t\t<aside class=\"post-meta cf\">\n\t\t24\/07\/2021 \/ <a href=\"https:\/\/www.psib-psoe.org\/mallorca\/category\/federacio-de-mallorca\/\" rel=\"category tag\">Federaci\u00f3 de Mallorca<\/a>, <a href=\"https:\/\/www.psib-psoe.org\/mallorca\/category\/portada\/\" rel=\"category tag\">Portada<\/a><\/aside>\n\t\t\t\t<h3 itemprop=\"headline\"><a href=\"https:\/\/www.psib-psoe.org\/mallorca\/socialistes-mallorca-arrenquen-proces-congressual-centrats-continuar-treballant-recuperacio\/\" title=\"Els Socialistes de Mallorca arrenquen el proc\u00e9s congressual com a principal for\u00e7a insular i \u201ccentrats en continuar treballant per a la recuperaci\u00f3\u201d\">Els Socialistes de Mallorca arrenquen el proc\u00e9s congressual com a principal for\u00e7a insular i \u201ccentrats en continuar treballant per a la recuperaci\u00f3\u201d<\/a><\/h3>\n\t\t\t<\/header>\n\t\t<\/div>\n\t\t<div class=\"post-content\">\n\t\t\t<a href=\"https:\/\/www.psib-psoe.org\/mallorca\/socialistes-mallorca-arrenquen-proces-congressual-centrats-continuar-treballant-recuperacio\/\" class=\"more-link\">Read More<\/a>\n\t\t<\/div>\n\t\t\t<aside class=\"post-bottom-meta hide\">\n\t\t<strong rel=\"author\" itemprop=\"author\" class=\"author vcard\"><span class=\"fn\">Albert<\/span><\/strong>\n\t\t<time class=\"date published time\" datetime=\"2021-07-24T12:37:35+02:00\" itemprop=\"datePublished\" content=\"2021-07-24T12:37:35+02:00\">24\/07\/2021<\/time>\n\t\t<meta itemprop=\"dateModified\" class=\"date updated\" content=\"2021-07-24T12:47:20+02:00\">\n\t\t<span class=\"hide\" itemprop=\"publisher\" itemscope itemtype=\"https:\/\/schema.org\/Organization\">\n\t\t\t<meta itemprop=\"name\" content=\"SocialistesdMca\">\n\t\t\t<span itemprop=\"logo\" itemscope itemtype=\"https:\/\/schema.org\/ImageObject\">\n\t\t\t\t<meta itemprop=\"url\" content=\"https:\/\/www.psib-psoe.org\/mallorca\/wp-content\/themes\/notio-wp\/assets\/img\/logo.png\">\n\t\t\t<\/span>\n\t\t\t<meta itemprop=\"url\" content=\"https:\/\/www.psib-psoe.org\/mallorca\/\">\n\t\t<\/span>\n\t\t\t\t<span class=\"hide\" itemprop=\"image\" itemscope itemtype=\"http:\/\/schema.org\/ImageObject\">\n\t\t\t<meta itemprop=\"url\" content=\"https:\/\/www.psib-psoe.org\/mallorca\/wp-content\/uploads\/20210724_EXECUTIVA-FSM.jpeg\">\n\t\t\t<meta itemprop=\"width\" content=\"3476\">\n\t\t\t<meta itemprop=\"height\" content=\"2317\">\n\t\t<\/span>\n\t\t\t\t<meta itemscope itemprop=\"mainEntityOfPage\" itemtype=\"https:\/\/schema.org\/WebPage\" itemid=\"https:\/\/www.psib-psoe.org\/mallorca\/socialistes-mallorca-arrenquen-proces-congressual-centrats-continuar-treballant-recuperacio\/\">\n\t<\/aside>\n\t\t<\/article>\n<\/div>\n<div class=\"small-12 large-4 columns\">\n\t<article itemscope itemtype=\"http:\/\/schema.org\/Article\" class=\"post blog-style7 alt post-26027 type-post status-publish format-standard has-post-thumbnail hentry category-federacio-de-mallorca category-municipis category-portada\" role=\"article\">\n\t\t<figure class=\"post-gallery\"><img loading=\"lazy\" decoding=\"async\" width=\"600\" height=\"400\" src=\"https:\/\/www.psib-psoe.org\/mallorca\/wp-content\/uploads\/Xisco-Duarte-PSOE-i-Miquel-Lluis-Mestre-BLOC-600x400.jpeg\" class=\"attachment-notio-general-x2 size-notio-general-x2 wp-post-image\" alt=\"\" srcset=\"https:\/\/www.psib-psoe.org\/mallorca\/wp-content\/uploads\/Xisco-Duarte-PSOE-i-Miquel-Lluis-Mestre-BLOC-600x400.jpeg 600w, https:\/\/www.psib-psoe.org\/mallorca\/wp-content\/uploads\/Xisco-Duarte-PSOE-i-Miquel-Lluis-Mestre-BLOC-300x200.jpeg 300w, https:\/\/www.psib-psoe.org\/mallorca\/wp-content\/uploads\/Xisco-Duarte-PSOE-i-Miquel-Lluis-Mestre-BLOC-900x600.jpeg 900w, https:\/\/www.psib-psoe.org\/mallorca\/wp-content\/uploads\/Xisco-Duarte-PSOE-i-Miquel-Lluis-Mestre-BLOC-20x13.jpeg 20w\" sizes=\"(max-width: 600px) 100vw, 600px\" \/><\/figure>\n\t\t<div class=\"blog-top\">\n\t\t\t<header class=\"post-title entry-header\">\n\t\t\t\t<aside class=\"post-meta cf\">\n\t\t13\/07\/2021 \/ <a href=\"https:\/\/www.psib-psoe.org\/mallorca\/category\/federacio-de-mallorca\/\" rel=\"category tag\">Federaci\u00f3 de Mallorca<\/a>, <a href=\"https:\/\/www.psib-psoe.org\/mallorca\/category\/municipis\/\" rel=\"category tag\">Municipis<\/a>, <a href=\"https:\/\/www.psib-psoe.org\/mallorca\/category\/portada\/\" rel=\"category tag\">Portada<\/a><\/aside>\n\t\t\t\t<h3 itemprop=\"headline\"><a href=\"https:\/\/www.psib-psoe.org\/mallorca\/els-socialistes-de-felanitx-el-bloc-i-unides-podem-demanen-solucions-immediates-per-a-garantir-la-salubritat-de-laigua-i-la-reduccio-de-fuites-a-la-xarxa\/\" title=\"Els socialistes de Felanitx, El Bloc i Unides Podem demanen solucions immediates per a garantir la salubritat de l\u2019aigua i la reducci\u00f3 de fuites a la xarxa\">Els socialistes de Felanitx, El Bloc i Unides Podem demanen solucions immediates per a garantir la salubritat de l\u2019aigua i la reducci\u00f3 de fuites a la xarxa<\/a><\/h3>\n\t\t\t<\/header>\n\t\t<\/div>\n\t\t<div class=\"post-content\">\n\t\t\t<a href=\"https:\/\/www.psib-psoe.org\/mallorca\/els-socialistes-de-felanitx-el-bloc-i-unides-podem-demanen-solucions-immediates-per-a-garantir-la-salubritat-de-laigua-i-la-reduccio-de-fuites-a-la-xarxa\/\" class=\"more-link\">Read More<\/a>\n\t\t<\/div>\n\t\t\t<aside class=\"post-bottom-meta hide\">\n\t\t<strong rel=\"author\" itemprop=\"author\" class=\"author vcard\"><span class=\"fn\">Socialistes de Mallorca<\/span><\/strong>\n\t\t<time class=\"date published time\" datetime=\"2021-07-13T12:55:17+02:00\" itemprop=\"datePublished\" content=\"2021-07-13T12:55:17+02:00\">13\/07\/2021<\/time>\n\t\t<meta itemprop=\"dateModified\" class=\"date updated\" content=\"2021-07-13T12:55:17+02:00\">\n\t\t<span class=\"hide\" itemprop=\"publisher\" itemscope itemtype=\"https:\/\/schema.org\/Organization\">\n\t\t\t<meta itemprop=\"name\" content=\"SocialistesdMca\">\n\t\t\t<span itemprop=\"logo\" itemscope itemtype=\"https:\/\/schema.org\/ImageObject\">\n\t\t\t\t<meta itemprop=\"url\" content=\"https:\/\/www.psib-psoe.org\/mallorca\/wp-content\/themes\/notio-wp\/assets\/img\/logo.png\">\n\t\t\t<\/span>\n\t\t\t<meta itemprop=\"url\" content=\"https:\/\/www.psib-psoe.org\/mallorca\/\">\n\t\t<\/span>\n\t\t\t\t<span class=\"hide\" itemprop=\"image\" itemscope itemtype=\"http:\/\/schema.org\/ImageObject\">\n\t\t\t<meta itemprop=\"url\" content=\"https:\/\/www.psib-psoe.org\/mallorca\/wp-content\/uploads\/Xisco-Duarte-PSOE-i-Miquel-Lluis-Mestre-BLOC.jpeg\">\n\t\t\t<meta itemprop=\"width\" content=\"2000\">\n\t\t\t<meta itemprop=\"height\" content=\"1500\">\n\t\t<\/span>\n\t\t\t\t<meta itemscope itemprop=\"mainEntityOfPage\" itemtype=\"https:\/\/schema.org\/WebPage\" itemid=\"https:\/\/www.psib-psoe.org\/mallorca\/els-socialistes-de-felanitx-el-bloc-i-unides-podem-demanen-solucions-immediates-per-a-garantir-la-salubritat-de-laigua-i-la-reduccio-de-fuites-a-la-xarxa\/\">\n\t<\/aside>\n\t\t<\/article>\n<\/div>\n<div class=\"small-12 large-4 columns\">\n\t<article itemscope itemtype=\"http:\/\/schema.org\/Article\" class=\"post blog-style7 alt post-26025 type-post status-publish format-standard has-post-thumbnail hentry category-federacio-de-mallorca tag-federacio-socialista-de-mallorca\" role=\"article\">\n\t\t<figure class=\"post-gallery\"><img loading=\"lazy\" decoding=\"async\" width=\"600\" height=\"400\" src=\"https:\/\/www.psib-psoe.org\/mallorca\/wp-content\/uploads\/20210711_PREMIS-ISABEL-COLL-foto-de-grup-600x400.jpeg\" class=\"attachment-notio-general-x2 size-notio-general-x2 wp-post-image\" alt=\"\" srcset=\"https:\/\/www.psib-psoe.org\/mallorca\/wp-content\/uploads\/20210711_PREMIS-ISABEL-COLL-foto-de-grup-600x400.jpeg 600w, https:\/\/www.psib-psoe.org\/mallorca\/wp-content\/uploads\/20210711_PREMIS-ISABEL-COLL-foto-de-grup-300x200.jpeg 300w, https:\/\/www.psib-psoe.org\/mallorca\/wp-content\/uploads\/20210711_PREMIS-ISABEL-COLL-foto-de-grup-768x512.jpeg 768w, https:\/\/www.psib-psoe.org\/mallorca\/wp-content\/uploads\/20210711_PREMIS-ISABEL-COLL-foto-de-grup-1024x683.jpeg 1024w, https:\/\/www.psib-psoe.org\/mallorca\/wp-content\/uploads\/20210711_PREMIS-ISABEL-COLL-foto-de-grup-150x100.jpeg 150w, https:\/\/www.psib-psoe.org\/mallorca\/wp-content\/uploads\/20210711_PREMIS-ISABEL-COLL-foto-de-grup-900x600.jpeg 900w, https:\/\/www.psib-psoe.org\/mallorca\/wp-content\/uploads\/20210711_PREMIS-ISABEL-COLL-foto-de-grup-20x13.jpeg 20w, https:\/\/www.psib-psoe.org\/mallorca\/wp-content\/uploads\/20210711_PREMIS-ISABEL-COLL-foto-de-grup.jpeg 2048w\" sizes=\"(max-width: 600px) 100vw, 600px\" \/><\/figure>\n\t\t<div class=\"blog-top\">\n\t\t\t<header class=\"post-title entry-header\">\n\t\t\t\t<aside class=\"post-meta cf\">\n\t\t11\/07\/2021 \/ <a href=\"https:\/\/www.psib-psoe.org\/mallorca\/category\/federacio-de-mallorca\/\" rel=\"category tag\">Federaci\u00f3 de Mallorca<\/a><\/aside>\n\t\t\t\t<h3 itemprop=\"headline\"><a href=\"https:\/\/www.psib-psoe.org\/mallorca\/julia-petrus-creu-roja-joventut-julia-colom-els-estudiants-de-ciencies-de-la-salut-de-la-uib-i-cecilia-ligero-reben-els-xiii-premis-isabel-coll-de-jsib\/\" title=\"J\u00falia Petrus, Creu Roja Joventut, J\u00falia Colom, els estudiants de Ci\u00e8ncies de la Salut de la UIB i Cecilia Ligero reben els XIII Premis Isabel Coll de JSIB\">J\u00falia Petrus, Creu Roja Joventut, J\u00falia Colom, els estudiants de Ci\u00e8ncies de la Salut de la UIB i Cecilia Ligero reben els XIII Premis Isabel Coll de JSIB<\/a><\/h3>\n\t\t\t<\/header>\n\t\t<\/div>\n\t\t<div class=\"post-content\">\n\t\t\t<a href=\"https:\/\/www.psib-psoe.org\/mallorca\/julia-petrus-creu-roja-joventut-julia-colom-els-estudiants-de-ciencies-de-la-salut-de-la-uib-i-cecilia-ligero-reben-els-xiii-premis-isabel-coll-de-jsib\/\" class=\"more-link\">Read More<\/a>\n\t\t<\/div>\n\t\t\t<aside class=\"post-bottom-meta hide\">\n\t\t<strong rel=\"author\" itemprop=\"author\" class=\"author vcard\"><span class=\"fn\">adminpsib<\/span><\/strong>\n\t\t<time class=\"date published time\" datetime=\"2021-07-11T15:08:34+02:00\" itemprop=\"datePublished\" content=\"2021-07-11T15:08:34+02:00\">11\/07\/2021<\/time>\n\t\t<meta itemprop=\"dateModified\" class=\"date updated\" content=\"2021-07-11T15:08:34+02:00\">\n\t\t<span class=\"hide\" itemprop=\"publisher\" itemscope itemtype=\"https:\/\/schema.org\/Organization\">\n\t\t\t<meta itemprop=\"name\" content=\"SocialistesdMca\">\n\t\t\t<span itemprop=\"logo\" itemscope itemtype=\"https:\/\/schema.org\/ImageObject\">\n\t\t\t\t<meta itemprop=\"url\" content=\"https:\/\/www.psib-psoe.org\/mallorca\/wp-content\/themes\/notio-wp\/assets\/img\/logo.png\">\n\t\t\t<\/span>\n\t\t\t<meta itemprop=\"url\" content=\"https:\/\/www.psib-psoe.org\/mallorca\/\">\n\t\t<\/span>\n\t\t\t\t<span class=\"hide\" itemprop=\"image\" itemscope itemtype=\"http:\/\/schema.org\/ImageObject\">\n\t\t\t<meta itemprop=\"url\" content=\"https:\/\/www.psib-psoe.org\/mallorca\/wp-content\/uploads\/20210711_PREMIS-ISABEL-COLL-foto-de-grup.jpeg\">\n\t\t\t<meta itemprop=\"width\" content=\"2048\">\n\t\t\t<meta itemprop=\"height\" content=\"1365\">\n\t\t<\/span>\n\t\t\t\t<meta itemscope itemprop=\"mainEntityOfPage\" itemtype=\"https:\/\/schema.org\/WebPage\" itemid=\"https:\/\/www.psib-psoe.org\/mallorca\/julia-petrus-creu-roja-joventut-julia-colom-els-estudiants-de-ciencies-de-la-salut-de-la-uib-i-cecilia-ligero-reben-els-xiii-premis-isabel-coll-de-jsib\/\">\n\t<\/aside>\n\t\t<\/article>\n<\/div>\n<div class=\"small-12 large-4 columns\">\n\t<article itemscope itemtype=\"http:\/\/schema.org\/Article\" class=\"post blog-style7 alt post-26023 type-post status-publish format-standard has-post-thumbnail hentry category-federacio-de-mallorca tag-federacio-socialista-de-mallorca\" role=\"article\">\n\t\t<figure class=\"post-gallery\"><img loading=\"lazy\" decoding=\"async\" width=\"600\" height=\"400\" src=\"https:\/\/www.psib-psoe.org\/mallorca\/wp-content\/uploads\/Cosme-Bonet-Senat-30-09-20-600x400.jpg\" class=\"attachment-notio-general-x2 size-notio-general-x2 wp-post-image\" alt=\"\" srcset=\"https:\/\/www.psib-psoe.org\/mallorca\/wp-content\/uploads\/Cosme-Bonet-Senat-30-09-20-600x400.jpg 600w, https:\/\/www.psib-psoe.org\/mallorca\/wp-content\/uploads\/Cosme-Bonet-Senat-30-09-20-300x200.jpg 300w, https:\/\/www.psib-psoe.org\/mallorca\/wp-content\/uploads\/Cosme-Bonet-Senat-30-09-20-900x600.jpg 900w, https:\/\/www.psib-psoe.org\/mallorca\/wp-content\/uploads\/Cosme-Bonet-Senat-30-09-20-20x13.jpg 20w\" sizes=\"(max-width: 600px) 100vw, 600px\" \/><\/figure>\n\t\t<div class=\"blog-top\">\n\t\t\t<header class=\"post-title entry-header\">\n\t\t\t\t<aside class=\"post-meta cf\">\n\t\t10\/07\/2021 \/ <a href=\"https:\/\/www.psib-psoe.org\/mallorca\/category\/federacio-de-mallorca\/\" rel=\"category tag\">Federaci\u00f3 de Mallorca<\/a><\/aside>\n\t\t\t\t<h3 itemprop=\"headline\"><a href=\"https:\/\/www.psib-psoe.org\/mallorca\/cap-a-una-agenda-federalista-per-cosme-bonet\/\" title=\"Cap a una agenda federalista, per Cosme Bonet\">Cap a una agenda federalista, per Cosme Bonet<\/a><\/h3>\n\t\t\t<\/header>\n\t\t<\/div>\n\t\t<div class=\"post-content\">\n\t\t\t<a href=\"https:\/\/www.psib-psoe.org\/mallorca\/cap-a-una-agenda-federalista-per-cosme-bonet\/\" class=\"more-link\">Read More<\/a>\n\t\t<\/div>\n\t\t\t<aside class=\"post-bottom-meta hide\">\n\t\t<strong rel=\"author\" itemprop=\"author\" class=\"author vcard\"><span class=\"fn\">adminpsib<\/span><\/strong>\n\t\t<time class=\"date published time\" datetime=\"2021-07-10T12:51:40+02:00\" itemprop=\"datePublished\" content=\"2021-07-10T12:51:40+02:00\">10\/07\/2021<\/time>\n\t\t<meta itemprop=\"dateModified\" class=\"date updated\" content=\"2021-07-10T12:51:40+02:00\">\n\t\t<span class=\"hide\" itemprop=\"publisher\" itemscope itemtype=\"https:\/\/schema.org\/Organization\">\n\t\t\t<meta itemprop=\"name\" content=\"SocialistesdMca\">\n\t\t\t<span itemprop=\"logo\" itemscope itemtype=\"https:\/\/schema.org\/ImageObject\">\n\t\t\t\t<meta itemprop=\"url\" content=\"https:\/\/www.psib-psoe.org\/mallorca\/wp-content\/themes\/notio-wp\/assets\/img\/logo.png\">\n\t\t\t<\/span>\n\t\t\t<meta itemprop=\"url\" content=\"https:\/\/www.psib-psoe.org\/mallorca\/\">\n\t\t<\/span>\n\t\t\t\t<span class=\"hide\" itemprop=\"image\" itemscope itemtype=\"http:\/\/schema.org\/ImageObject\">\n\t\t\t<meta itemprop=\"url\" content=\"https:\/\/www.psib-psoe.org\/mallorca\/wp-content\/uploads\/Cosme-Bonet-Senat-30-09-20.jpg\">\n\t\t\t<meta itemprop=\"width\" content=\"1200\">\n\t\t\t<meta itemprop=\"height\" content=\"1040\">\n\t\t<\/span>\n\t\t\t\t<meta itemscope itemprop=\"mainEntityOfPage\" itemtype=\"https:\/\/schema.org\/WebPage\" itemid=\"https:\/\/www.psib-psoe.org\/mallorca\/cap-a-una-agenda-federalista-per-cosme-bonet\/\">\n\t<\/aside>\n\t\t<\/article>\n<\/div>\n<div class=\"small-12 large-4 columns\">\n\t<article itemscope itemtype=\"http:\/\/schema.org\/Article\" class=\"post blog-style7 alt post-26008 type-post status-publish format-standard has-post-thumbnail hentry category-consell-de-mallorca category-federacio-de-mallorca category-portada\" role=\"article\">\n\t\t<figure class=\"post-gallery\"><img loading=\"lazy\" decoding=\"async\" width=\"600\" height=\"400\" src=\"https:\/\/www.psib-psoe.org\/mallorca\/wp-content\/uploads\/investidura-cladera-600x400.jpg\" class=\"attachment-notio-general-x2 size-notio-general-x2 wp-post-image\" alt=\"\" srcset=\"https:\/\/www.psib-psoe.org\/mallorca\/wp-content\/uploads\/investidura-cladera-600x400.jpg 600w, https:\/\/www.psib-psoe.org\/mallorca\/wp-content\/uploads\/investidura-cladera-300x200.jpg 300w, https:\/\/www.psib-psoe.org\/mallorca\/wp-content\/uploads\/investidura-cladera-768x512.jpg 768w, https:\/\/www.psib-psoe.org\/mallorca\/wp-content\/uploads\/investidura-cladera-1024x683.jpg 1024w, https:\/\/www.psib-psoe.org\/mallorca\/wp-content\/uploads\/investidura-cladera-150x100.jpg 150w, https:\/\/www.psib-psoe.org\/mallorca\/wp-content\/uploads\/investidura-cladera-900x600.jpg 900w, https:\/\/www.psib-psoe.org\/mallorca\/wp-content\/uploads\/investidura-cladera-20x13.jpg 20w, https:\/\/www.psib-psoe.org\/mallorca\/wp-content\/uploads\/investidura-cladera.jpg 2048w\" sizes=\"(max-width: 600px) 100vw, 600px\" \/><\/figure>\n\t\t<div class=\"blog-top\">\n\t\t\t<header class=\"post-title entry-header\">\n\t\t\t\t<aside class=\"post-meta cf\">\n\t\t06\/07\/2021 \/ <a href=\"https:\/\/www.psib-psoe.org\/mallorca\/category\/consell-de-mallorca\/\" rel=\"category tag\">Consell de Mallorca<\/a>, <a href=\"https:\/\/www.psib-psoe.org\/mallorca\/category\/federacio-de-mallorca\/\" rel=\"category tag\">Federaci\u00f3 de Mallorca<\/a>, <a href=\"https:\/\/www.psib-psoe.org\/mallorca\/category\/portada\/\" rel=\"category tag\">Portada<\/a><\/aside>\n\t\t\t\t<h3 itemprop=\"headline\"><a href=\"https:\/\/www.psib-psoe.org\/mallorca\/alcover-destaca-en-els-2-anys-de-govern-de-catalina-cladera-al-consell-de-mallorca-que-hem-demostrat-que-la-institucio-insular-es-util-agil-molt-eficient-i-moderna\/\" title=\"Alcover destaca en els 2 anys de govern de Catalina Cladera al Consell de Mallorca que \u201chem demostrat que la instituci\u00f3 insular \u00e9s \u00fatil, \u00e0gil, molt eficient i moderna\u201d\">Alcover destaca en els 2 anys de govern de Catalina Cladera al Consell de Mallorca que \u201chem demostrat que la instituci\u00f3 insular \u00e9s \u00fatil, \u00e0gil, molt eficient i moderna\u201d<\/a><\/h3>\n\t\t\t<\/header>\n\t\t<\/div>\n\t\t<div class=\"post-content\">\n\t\t\t<a href=\"https:\/\/www.psib-psoe.org\/mallorca\/alcover-destaca-en-els-2-anys-de-govern-de-catalina-cladera-al-consell-de-mallorca-que-hem-demostrat-que-la-institucio-insular-es-util-agil-molt-eficient-i-moderna\/\" class=\"more-link\">Read More<\/a>\n\t\t<\/div>\n\t\t\t<aside class=\"post-bottom-meta hide\">\n\t\t<strong rel=\"author\" itemprop=\"author\" class=\"author vcard\"><span class=\"fn\">Socialistes de Mallorca<\/span><\/strong>\n\t\t<time class=\"date published time\" datetime=\"2021-07-06T10:31:27+02:00\" itemprop=\"datePublished\" content=\"2021-07-06T10:31:27+02:00\">06\/07\/2021<\/time>\n\t\t<meta itemprop=\"dateModified\" class=\"date updated\" content=\"2021-07-06T11:28:26+02:00\">\n\t\t<span class=\"hide\" itemprop=\"publisher\" itemscope itemtype=\"https:\/\/schema.org\/Organization\">\n\t\t\t<meta itemprop=\"name\" content=\"SocialistesdMca\">\n\t\t\t<span itemprop=\"logo\" itemscope itemtype=\"https:\/\/schema.org\/ImageObject\">\n\t\t\t\t<meta itemprop=\"url\" content=\"https:\/\/www.psib-psoe.org\/mallorca\/wp-content\/themes\/notio-wp\/assets\/img\/logo.png\">\n\t\t\t<\/span>\n\t\t\t<meta itemprop=\"url\" content=\"https:\/\/www.psib-psoe.org\/mallorca\/\">\n\t\t<\/span>\n\t\t\t\t<span class=\"hide\" itemprop=\"image\" itemscope itemtype=\"http:\/\/schema.org\/ImageObject\">\n\t\t\t<meta itemprop=\"url\" content=\"https:\/\/www.psib-psoe.org\/mallorca\/wp-content\/uploads\/investidura-cladera.jpg\">\n\t\t\t<meta itemprop=\"width\" content=\"2048\">\n\t\t\t<meta itemprop=\"height\" content=\"1365\">\n\t\t<\/span>\n\t\t\t\t<meta itemscope itemprop=\"mainEntityOfPage\" itemtype=\"https:\/\/schema.org\/WebPage\" itemid=\"https:\/\/www.psib-psoe.org\/mallorca\/alcover-destaca-en-els-2-anys-de-govern-de-catalina-cladera-al-consell-de-mallorca-que-hem-demostrat-que-la-institucio-insular-es-util-agil-molt-eficient-i-moderna\/\">\n\t<\/aside>\n\t\t<\/article>\n<\/div>\n<div class=\"small-12 large-4 columns\">\n\t<article itemscope itemtype=\"http:\/\/schema.org\/Article\" class=\"post blog-style7 alt post-26005 type-post status-publish format-standard has-post-thumbnail hentry category-federacio-de-mallorca category-municipis category-portada\" role=\"article\">\n\t\t<figure class=\"post-gallery\"><img loading=\"lazy\" decoding=\"async\" width=\"600\" height=\"400\" src=\"https:\/\/www.psib-psoe.org\/mallorca\/wp-content\/uploads\/210701-Manacor-1-600x400.jpeg\" class=\"attachment-notio-general-x2 size-notio-general-x2 wp-post-image\" alt=\"\" srcset=\"https:\/\/www.psib-psoe.org\/mallorca\/wp-content\/uploads\/210701-Manacor-1-600x400.jpeg 600w, https:\/\/www.psib-psoe.org\/mallorca\/wp-content\/uploads\/210701-Manacor-1-300x200.jpeg 300w, https:\/\/www.psib-psoe.org\/mallorca\/wp-content\/uploads\/210701-Manacor-1-768x512.jpeg 768w, https:\/\/www.psib-psoe.org\/mallorca\/wp-content\/uploads\/210701-Manacor-1-1024x683.jpeg 1024w, https:\/\/www.psib-psoe.org\/mallorca\/wp-content\/uploads\/210701-Manacor-1-150x100.jpeg 150w, https:\/\/www.psib-psoe.org\/mallorca\/wp-content\/uploads\/210701-Manacor-1-900x600.jpeg 900w, https:\/\/www.psib-psoe.org\/mallorca\/wp-content\/uploads\/210701-Manacor-1-20x13.jpeg 20w, https:\/\/www.psib-psoe.org\/mallorca\/wp-content\/uploads\/210701-Manacor-1.jpeg 1368w\" sizes=\"(max-width: 600px) 100vw, 600px\" \/><\/figure>\n\t\t<div class=\"blog-top\">\n\t\t\t<header class=\"post-title entry-header\">\n\t\t\t\t<aside class=\"post-meta cf\">\n\t\t02\/07\/2021 \/ <a href=\"https:\/\/www.psib-psoe.org\/mallorca\/category\/federacio-de-mallorca\/\" rel=\"category tag\">Federaci\u00f3 de Mallorca<\/a>, <a href=\"https:\/\/www.psib-psoe.org\/mallorca\/category\/municipis\/\" rel=\"category tag\">Municipis<\/a>, <a href=\"https:\/\/www.psib-psoe.org\/mallorca\/category\/portada\/\" rel=\"category tag\">Portada<\/a><\/aside>\n\t\t\t\t<h3 itemprop=\"headline\"><a href=\"https:\/\/www.psib-psoe.org\/mallorca\/el-psib-psoe-de-manacor-celebra-una-assemblea-de-retrobament-i-anuncia-la-formacio-de-les-joventuts-socialistes-del-municipi\/\" title=\"El PSIB-PSOE de Manacor celebra una assemblea de retrobament i anuncia la formaci\u00f3 de les Joventuts Socialistes del municipi\">El PSIB-PSOE de Manacor celebra una assemblea de retrobament i anuncia la formaci\u00f3 de les Joventuts Socialistes del municipi<\/a><\/h3>\n\t\t\t<\/header>\n\t\t<\/div>\n\t\t<div class=\"post-content\">\n\t\t\t<a href=\"https:\/\/www.psib-psoe.org\/mallorca\/el-psib-psoe-de-manacor-celebra-una-assemblea-de-retrobament-i-anuncia-la-formacio-de-les-joventuts-socialistes-del-municipi\/\" class=\"more-link\">Read More<\/a>\n\t\t<\/div>\n\t\t\t<aside class=\"post-bottom-meta hide\">\n\t\t<strong rel=\"author\" itemprop=\"author\" class=\"author vcard\"><span class=\"fn\">Socialistes de Mallorca<\/span><\/strong>\n\t\t<time class=\"date published time\" datetime=\"2021-07-02T09:03:45+02:00\" itemprop=\"datePublished\" content=\"2021-07-02T09:03:45+02:00\">02\/07\/2021<\/time>\n\t\t<meta itemprop=\"dateModified\" class=\"date updated\" content=\"2021-07-02T09:03:45+02:00\">\n\t\t<span class=\"hide\" itemprop=\"publisher\" itemscope itemtype=\"https:\/\/schema.org\/Organization\">\n\t\t\t<meta itemprop=\"name\" content=\"SocialistesdMca\">\n\t\t\t<span itemprop=\"logo\" itemscope itemtype=\"https:\/\/schema.org\/ImageObject\">\n\t\t\t\t<meta itemprop=\"url\" content=\"https:\/\/www.psib-psoe.org\/mallorca\/wp-content\/themes\/notio-wp\/assets\/img\/logo.png\">\n\t\t\t<\/span>\n\t\t\t<meta itemprop=\"url\" content=\"https:\/\/www.psib-psoe.org\/mallorca\/\">\n\t\t<\/span>\n\t\t\t\t<span class=\"hide\" itemprop=\"image\" itemscope itemtype=\"http:\/\/schema.org\/ImageObject\">\n\t\t\t<meta itemprop=\"url\" content=\"https:\/\/www.psib-psoe.org\/mallorca\/wp-content\/uploads\/210701-Manacor-1.jpeg\">\n\t\t\t<meta itemprop=\"width\" content=\"1368\">\n\t\t\t<meta itemprop=\"height\" content=\"912\">\n\t\t<\/span>\n\t\t\t\t<meta itemscope itemprop=\"mainEntityOfPage\" itemtype=\"https:\/\/schema.org\/WebPage\" itemid=\"https:\/\/www.psib-psoe.org\/mallorca\/el-psib-psoe-de-manacor-celebra-una-assemblea-de-retrobament-i-anuncia-la-formacio-de-les-joventuts-socialistes-del-municipi\/\">\n\t<\/aside>\n\t\t<\/article>\n<\/div>\n<div class=\"small-12 large-4 columns\">\n\t<article itemscope itemtype=\"http:\/\/schema.org\/Article\" class=\"post blog-style7 alt post-26003 type-post status-publish format-standard has-post-thumbnail hentry category-federacio-de-mallorca tag-federacio-socialista-de-mallorca\" role=\"article\">\n\t\t<figure class=\"post-gallery\"><img loading=\"lazy\" decoding=\"async\" width=\"600\" height=\"400\" src=\"https:\/\/www.psib-psoe.org\/mallorca\/wp-content\/uploads\/El-portaveu-del-PSIB-PSOE-Cosme-Bonet-i-el-diputat-del-Congr\u00e9s-Pere-Joan-Pons-600x400.jpeg\" class=\"attachment-notio-general-x2 size-notio-general-x2 wp-post-image\" alt=\"\" srcset=\"https:\/\/www.psib-psoe.org\/mallorca\/wp-content\/uploads\/El-portaveu-del-PSIB-PSOE-Cosme-Bonet-i-el-diputat-del-Congr\u00e9s-Pere-Joan-Pons-600x400.jpeg 600w, https:\/\/www.psib-psoe.org\/mallorca\/wp-content\/uploads\/El-portaveu-del-PSIB-PSOE-Cosme-Bonet-i-el-diputat-del-Congr\u00e9s-Pere-Joan-Pons-300x200.jpeg 300w, https:\/\/www.psib-psoe.org\/mallorca\/wp-content\/uploads\/El-portaveu-del-PSIB-PSOE-Cosme-Bonet-i-el-diputat-del-Congr\u00e9s-Pere-Joan-Pons-900x600.jpeg 900w, https:\/\/www.psib-psoe.org\/mallorca\/wp-content\/uploads\/El-portaveu-del-PSIB-PSOE-Cosme-Bonet-i-el-diputat-del-Congr\u00e9s-Pere-Joan-Pons-20x13.jpeg 20w\" sizes=\"(max-width: 600px) 100vw, 600px\" \/><\/figure>\n\t\t<div class=\"blog-top\">\n\t\t\t<header class=\"post-title entry-header\">\n\t\t\t\t<aside class=\"post-meta cf\">\n\t\t25\/06\/2021 \/ <a href=\"https:\/\/www.psib-psoe.org\/mallorca\/category\/federacio-de-mallorca\/\" rel=\"category tag\">Federaci\u00f3 de Mallorca<\/a><\/aside>\n\t\t\t\t<h3 itemprop=\"headline\"><a href=\"https:\/\/www.psib-psoe.org\/mallorca\/el-psib-psoe-considera-una-bona-noticia-estar-en-el-semafor-verd-del-regne-unit-i-demana-mantenir-el-compliment-de-les-mesures-per-combatre-la-covid-19\/\" title=\"El PSIB-PSOE considera \u201cuna bona not\u00edcia estar en el sem\u00e0for verd del Regne Unit\u201d i demana mantenir el compliment de les mesures per combatre la COVID-19\">El PSIB-PSOE considera \u201cuna bona not\u00edcia estar en el sem\u00e0for verd del Regne Unit\u201d i demana mantenir el compliment de les mesures per combatre la COVID-19<\/a><\/h3>\n\t\t\t<\/header>\n\t\t<\/div>\n\t\t<div class=\"post-content\">\n\t\t\t<a href=\"https:\/\/www.psib-psoe.org\/mallorca\/el-psib-psoe-considera-una-bona-noticia-estar-en-el-semafor-verd-del-regne-unit-i-demana-mantenir-el-compliment-de-les-mesures-per-combatre-la-covid-19\/\" class=\"more-link\">Read More<\/a>\n\t\t<\/div>\n\t\t\t<aside class=\"post-bottom-meta hide\">\n\t\t<strong rel=\"author\" itemprop=\"author\" class=\"author vcard\"><span class=\"fn\">adminpsib<\/span><\/strong>\n\t\t<time class=\"date published time\" datetime=\"2021-06-25T14:34:01+02:00\" itemprop=\"datePublished\" content=\"2021-06-25T14:34:01+02:00\">25\/06\/2021<\/time>\n\t\t<meta itemprop=\"dateModified\" class=\"date updated\" content=\"2021-06-25T14:34:01+02:00\">\n\t\t<span class=\"hide\" itemprop=\"publisher\" itemscope itemtype=\"https:\/\/schema.org\/Organization\">\n\t\t\t<meta itemprop=\"name\" content=\"SocialistesdMca\">\n\t\t\t<span itemprop=\"logo\" itemscope itemtype=\"https:\/\/schema.org\/ImageObject\">\n\t\t\t\t<meta itemprop=\"url\" content=\"https:\/\/www.psib-psoe.org\/mallorca\/wp-content\/themes\/notio-wp\/assets\/img\/logo.png\">\n\t\t\t<\/span>\n\t\t\t<meta itemprop=\"url\" content=\"https:\/\/www.psib-psoe.org\/mallorca\/\">\n\t\t<\/span>\n\t\t\t\t<span class=\"hide\" itemprop=\"image\" itemscope itemtype=\"http:\/\/schema.org\/ImageObject\">\n\t\t\t<meta itemprop=\"url\" content=\"https:\/\/www.psib-psoe.org\/mallorca\/wp-content\/uploads\/El-portaveu-del-PSIB-PSOE-Cosme-Bonet-i-el-diputat-del-Congr\u00e9s-Pere-Joan-Pons.jpeg\">\n\t\t\t<meta itemprop=\"width\" content=\"1024\">\n\t\t\t<meta itemprop=\"height\" content=\"768\">\n\t\t<\/span>\n\t\t\t\t<meta itemscope itemprop=\"mainEntityOfPage\" itemtype=\"https:\/\/schema.org\/WebPage\" itemid=\"https:\/\/www.psib-psoe.org\/mallorca\/el-psib-psoe-considera-una-bona-noticia-estar-en-el-semafor-verd-del-regne-unit-i-demana-mantenir-el-compliment-de-les-mesures-per-combatre-la-covid-19\/\">\n\t<\/aside>\n\t\t<\/article>\n<\/div>\n<div class=\"small-12 large-4 columns\">\n\t<article itemscope itemtype=\"http:\/\/schema.org\/Article\" class=\"post blog-style7 alt post-26000 type-post status-publish format-standard has-post-thumbnail hentry category-federacio-de-mallorca category-portada tag-covid19 tag-senat tag-susanna-moll\" role=\"article\">\n\t\t<figure class=\"post-gallery\"><img loading=\"lazy\" decoding=\"async\" width=\"600\" height=\"400\" src=\"https:\/\/www.psib-psoe.org\/mallorca\/wp-content\/uploads\/Susanna-Moll-ple-Senat-20210623-600x400.png\" class=\"attachment-notio-general-x2 size-notio-general-x2 wp-post-image\" alt=\"\" srcset=\"https:\/\/www.psib-psoe.org\/mallorca\/wp-content\/uploads\/Susanna-Moll-ple-Senat-20210623-600x400.png 600w, https:\/\/www.psib-psoe.org\/mallorca\/wp-content\/uploads\/Susanna-Moll-ple-Senat-20210623-300x200.png 300w, https:\/\/www.psib-psoe.org\/mallorca\/wp-content\/uploads\/Susanna-Moll-ple-Senat-20210623-20x13.png 20w\" sizes=\"(max-width: 600px) 100vw, 600px\" \/><\/figure>\n\t\t<div class=\"blog-top\">\n\t\t\t<header class=\"post-title entry-header\">\n\t\t\t\t<aside class=\"post-meta cf\">\n\t\t23\/06\/2021 \/ <a href=\"https:\/\/www.psib-psoe.org\/mallorca\/category\/federacio-de-mallorca\/\" rel=\"category tag\">Federaci\u00f3 de Mallorca<\/a>, <a href=\"https:\/\/www.psib-psoe.org\/mallorca\/category\/portada\/\" rel=\"category tag\">Portada<\/a><\/aside>\n\t\t\t\t<h3 itemprop=\"headline\"><a href=\"https:\/\/www.psib-psoe.org\/mallorca\/susanna-moll-defensa-ple-senat-gestio-sanitaria-illes-salvar-vides-i-economia\/\" title=\"La senadora Susanna Moll defensa al ple del Senat la gesti\u00f3 sanit\u00e0ria de les Illes Balears \u201cque ha perm\u00e8s salvar vides i salvar l\u2019economia\u201d\">La senadora Susanna Moll defensa al ple del Senat la gesti\u00f3 sanit\u00e0ria de les Illes Balears \u201cque ha perm\u00e8s salvar vides i salvar l\u2019economia\u201d<\/a><\/h3>\n\t\t\t<\/header>\n\t\t<\/div>\n\t\t<div class=\"post-content\">\n\t\t\t<a href=\"https:\/\/www.psib-psoe.org\/mallorca\/susanna-moll-defensa-ple-senat-gestio-sanitaria-illes-salvar-vides-i-economia\/\" class=\"more-link\">Read More<\/a>\n\t\t<\/div>\n\t\t\t<aside class=\"post-bottom-meta hide\">\n\t\t<strong rel=\"author\" itemprop=\"author\" class=\"author vcard\"><span class=\"fn\">Albert<\/span><\/strong>\n\t\t<time class=\"date published time\" datetime=\"2021-06-23T17:18:02+02:00\" itemprop=\"datePublished\" content=\"2021-06-23T17:18:02+02:00\">23\/06\/2021<\/time>\n\t\t<meta itemprop=\"dateModified\" class=\"date updated\" content=\"2021-06-23T17:18:02+02:00\">\n\t\t<span class=\"hide\" itemprop=\"publisher\" itemscope itemtype=\"https:\/\/schema.org\/Organization\">\n\t\t\t<meta itemprop=\"name\" content=\"SocialistesdMca\">\n\t\t\t<span itemprop=\"logo\" itemscope itemtype=\"https:\/\/schema.org\/ImageObject\">\n\t\t\t\t<meta itemprop=\"url\" content=\"https:\/\/www.psib-psoe.org\/mallorca\/wp-content\/themes\/notio-wp\/assets\/img\/logo.png\">\n\t\t\t<\/span>\n\t\t\t<meta itemprop=\"url\" content=\"https:\/\/www.psib-psoe.org\/mallorca\/\">\n\t\t<\/span>\n\t\t\t\t<span class=\"hide\" itemprop=\"image\" itemscope itemtype=\"http:\/\/schema.org\/ImageObject\">\n\t\t\t<meta itemprop=\"url\" content=\"https:\/\/www.psib-psoe.org\/mallorca\/wp-content\/uploads\/Susanna-Moll-ple-Senat-20210623.png\">\n\t\t\t<meta itemprop=\"width\" content=\"808\">\n\t\t\t<meta itemprop=\"height\" content=\"452\">\n\t\t<\/span>\n\t\t\t\t<meta itemscope itemprop=\"mainEntityOfPage\" itemtype=\"https:\/\/schema.org\/WebPage\" itemid=\"https:\/\/www.psib-psoe.org\/mallorca\/susanna-moll-defensa-ple-senat-gestio-sanitaria-illes-salvar-vides-i-economia\/\">\n\t<\/aside>\n\t\t<\/article>\n<\/div>\n<div class=\"small-12 large-4 columns\">\n\t<article itemscope itemtype=\"http:\/\/schema.org\/Article\" class=\"post blog-style7 alt post-25995 type-post status-publish format-standard has-post-thumbnail hentry category-federacio-de-mallorca category-municipis category-portada\" role=\"article\">\n\t\t<figure class=\"post-gallery\"><img loading=\"lazy\" decoding=\"async\" width=\"600\" height=\"400\" src=\"https:\/\/www.psib-psoe.org\/mallorca\/wp-content\/uploads\/210623-retrobament-pollen\u00e7a1-600x400.jpeg\" class=\"attachment-notio-general-x2 size-notio-general-x2 wp-post-image\" alt=\"\" srcset=\"https:\/\/www.psib-psoe.org\/mallorca\/wp-content\/uploads\/210623-retrobament-pollen\u00e7a1-600x400.jpeg 600w, https:\/\/www.psib-psoe.org\/mallorca\/wp-content\/uploads\/210623-retrobament-pollen\u00e7a1-300x200.jpeg 300w, https:\/\/www.psib-psoe.org\/mallorca\/wp-content\/uploads\/210623-retrobament-pollen\u00e7a1-900x600.jpeg 900w, https:\/\/www.psib-psoe.org\/mallorca\/wp-content\/uploads\/210623-retrobament-pollen\u00e7a1-20x13.jpeg 20w\" sizes=\"(max-width: 600px) 100vw, 600px\" \/><\/figure>\n\t\t<div class=\"blog-top\">\n\t\t\t<header class=\"post-title entry-header\">\n\t\t\t\t<aside class=\"post-meta cf\">\n\t\t23\/06\/2021 \/ <a href=\"https:\/\/www.psib-psoe.org\/mallorca\/category\/federacio-de-mallorca\/\" rel=\"category tag\">Federaci\u00f3 de Mallorca<\/a>, <a href=\"https:\/\/www.psib-psoe.org\/mallorca\/category\/municipis\/\" rel=\"category tag\">Municipis<\/a>, <a href=\"https:\/\/www.psib-psoe.org\/mallorca\/category\/portada\/\" rel=\"category tag\">Portada<\/a><\/aside>\n\t\t\t\t<h3 itemprop=\"headline\"><a href=\"https:\/\/www.psib-psoe.org\/mallorca\/retrobament-dels-socialistes-de-pollenca-per-marcar-el-full-de-ruta-que-permetra-construir-una-alternativa-progressista-al-municipi\/\" title=\"Retrobament dels Socialistes de Pollen\u00e7a per marcar el full de ruta que permetr\u00e0 construir una alternativa progressista al municipi\">Retrobament dels Socialistes de Pollen\u00e7a per marcar el full de ruta que permetr\u00e0 construir una alternativa progressista al municipi<\/a><\/h3>\n\t\t\t<\/header>\n\t\t<\/div>\n\t\t<div class=\"post-content\">\n\t\t\t<a href=\"https:\/\/www.psib-psoe.org\/mallorca\/retrobament-dels-socialistes-de-pollenca-per-marcar-el-full-de-ruta-que-permetra-construir-una-alternativa-progressista-al-municipi\/\" class=\"more-link\">Read More<\/a>\n\t\t<\/div>\n\t\t\t<aside class=\"post-bottom-meta hide\">\n\t\t<strong rel=\"author\" itemprop=\"author\" class=\"author vcard\"><span class=\"fn\">Socialistes de Mallorca<\/span><\/strong>\n\t\t<time class=\"date published time\" datetime=\"2021-06-23T14:23:22+02:00\" itemprop=\"datePublished\" content=\"2021-06-23T14:23:22+02:00\">23\/06\/2021<\/time>\n\t\t<meta itemprop=\"dateModified\" class=\"date updated\" content=\"2021-06-23T14:23:22+02:00\">\n\t\t<span class=\"hide\" itemprop=\"publisher\" itemscope itemtype=\"https:\/\/schema.org\/Organization\">\n\t\t\t<meta itemprop=\"name\" content=\"SocialistesdMca\">\n\t\t\t<span itemprop=\"logo\" itemscope itemtype=\"https:\/\/schema.org\/ImageObject\">\n\t\t\t\t<meta itemprop=\"url\" content=\"https:\/\/www.psib-psoe.org\/mallorca\/wp-content\/themes\/notio-wp\/assets\/img\/logo.png\">\n\t\t\t<\/span>\n\t\t\t<meta itemprop=\"url\" content=\"https:\/\/www.psib-psoe.org\/mallorca\/\">\n\t\t<\/span>\n\t\t\t\t<span class=\"hide\" itemprop=\"image\" itemscope itemtype=\"http:\/\/schema.org\/ImageObject\">\n\t\t\t<meta itemprop=\"url\" content=\"https:\/\/www.psib-psoe.org\/mallorca\/wp-content\/uploads\/210623-retrobament-pollen\u00e7a1.jpeg\">\n\t\t\t<meta itemprop=\"width\" content=\"1024\">\n\t\t\t<meta itemprop=\"height\" content=\"768\">\n\t\t<\/span>\n\t\t\t\t<meta itemscope itemprop=\"mainEntityOfPage\" itemtype=\"https:\/\/schema.org\/WebPage\" itemid=\"https:\/\/www.psib-psoe.org\/mallorca\/retrobament-dels-socialistes-de-pollenca-per-marcar-el-full-de-ruta-que-permetra-construir-una-alternativa-progressista-al-municipi\/\">\n\t<\/aside>\n\t\t<\/article>\n<\/div>\n<div class=\"small-12 large-4 columns\">\n\t<article itemscope itemtype=\"http:\/\/schema.org\/Article\" class=\"post blog-style7 alt post-25993 type-post status-publish format-standard has-post-thumbnail hentry category-federacio-de-mallorca category-municipis category-portada\" role=\"article\">\n\t\t<figure class=\"post-gallery\"><img loading=\"lazy\" decoding=\"async\" width=\"600\" height=\"400\" src=\"https:\/\/www.psib-psoe.org\/mallorca\/wp-content\/uploads\/agrupacio-socialista-maria-de-la-salut-600x400.jpeg\" class=\"attachment-notio-general-x2 size-notio-general-x2 wp-post-image\" alt=\"\" srcset=\"https:\/\/www.psib-psoe.org\/mallorca\/wp-content\/uploads\/agrupacio-socialista-maria-de-la-salut-600x400.jpeg 600w, https:\/\/www.psib-psoe.org\/mallorca\/wp-content\/uploads\/agrupacio-socialista-maria-de-la-salut-300x200.jpeg 300w, https:\/\/www.psib-psoe.org\/mallorca\/wp-content\/uploads\/agrupacio-socialista-maria-de-la-salut-20x13.jpeg 20w\" sizes=\"(max-width: 600px) 100vw, 600px\" \/><\/figure>\n\t\t<div class=\"blog-top\">\n\t\t\t<header class=\"post-title entry-header\">\n\t\t\t\t<aside class=\"post-meta cf\">\n\t\t22\/06\/2021 \/ <a href=\"https:\/\/www.psib-psoe.org\/mallorca\/category\/federacio-de-mallorca\/\" rel=\"category tag\">Federaci\u00f3 de Mallorca<\/a>, <a href=\"https:\/\/www.psib-psoe.org\/mallorca\/category\/municipis\/\" rel=\"category tag\">Municipis<\/a>, <a href=\"https:\/\/www.psib-psoe.org\/mallorca\/category\/portada\/\" rel=\"category tag\">Portada<\/a><\/aside>\n\t\t\t\t<h3 itemprop=\"headline\"><a href=\"https:\/\/www.psib-psoe.org\/mallorca\/el-psib-psoe-de-maria-de-la-salut-interposa-una-demanda-judicial-a-lajuntament-per-no-donar-resposta-a-les-seves-sollicituds-dinformacio\/\" title=\"El PSIB-PSOE de Maria de la Salut interposa una demanda judicial a l\u2019Ajuntament per no donar resposta a les seves sol\u00b7licituds d\u2019informaci\u00f3\">El PSIB-PSOE de Maria de la Salut interposa una demanda judicial a l\u2019Ajuntament per no donar resposta a les seves sol\u00b7licituds d\u2019informaci\u00f3<\/a><\/h3>\n\t\t\t<\/header>\n\t\t<\/div>\n\t\t<div class=\"post-content\">\n\t\t\t<a href=\"https:\/\/www.psib-psoe.org\/mallorca\/el-psib-psoe-de-maria-de-la-salut-interposa-una-demanda-judicial-a-lajuntament-per-no-donar-resposta-a-les-seves-sollicituds-dinformacio\/\" class=\"more-link\">Read More<\/a>\n\t\t<\/div>\n\t\t\t<aside class=\"post-bottom-meta hide\">\n\t\t<strong rel=\"author\" itemprop=\"author\" class=\"author vcard\"><span class=\"fn\">Socialistes de Mallorca<\/span><\/strong>\n\t\t<time class=\"date published time\" datetime=\"2021-06-22T13:46:03+02:00\" itemprop=\"datePublished\" content=\"2021-06-22T13:46:03+02:00\">22\/06\/2021<\/time>\n\t\t<meta itemprop=\"dateModified\" class=\"date updated\" content=\"2021-06-22T13:46:03+02:00\">\n\t\t<span class=\"hide\" itemprop=\"publisher\" itemscope itemtype=\"https:\/\/schema.org\/Organization\">\n\t\t\t<meta itemprop=\"name\" content=\"SocialistesdMca\">\n\t\t\t<span itemprop=\"logo\" itemscope itemtype=\"https:\/\/schema.org\/ImageObject\">\n\t\t\t\t<meta itemprop=\"url\" content=\"https:\/\/www.psib-psoe.org\/mallorca\/wp-content\/themes\/notio-wp\/assets\/img\/logo.png\">\n\t\t\t<\/span>\n\t\t\t<meta itemprop=\"url\" content=\"https:\/\/www.psib-psoe.org\/mallorca\/\">\n\t\t<\/span>\n\t\t\t\t<span class=\"hide\" itemprop=\"image\" itemscope itemtype=\"http:\/\/schema.org\/ImageObject\">\n\t\t\t<meta itemprop=\"url\" content=\"https:\/\/www.psib-psoe.org\/mallorca\/wp-content\/uploads\/agrupacio-socialista-maria-de-la-salut.jpeg\">\n\t\t\t<meta itemprop=\"width\" content=\"1000\">\n\t\t\t<meta itemprop=\"height\" content=\"486\">\n\t\t<\/span>\n\t\t\t\t<meta itemscope itemprop=\"mainEntityOfPage\" itemtype=\"https:\/\/schema.org\/WebPage\" itemid=\"https:\/\/www.psib-psoe.org\/mallorca\/el-psib-psoe-de-maria-de-la-salut-interposa-una-demanda-judicial-a-lajuntament-per-no-donar-resposta-a-les-seves-sollicituds-dinformacio\/\">\n\t<\/aside>\n\t\t<\/article>\n<\/div>\n<div class=\"small-12 large-4 columns\">\n\t<article itemscope itemtype=\"http:\/\/schema.org\/Article\" class=\"post blog-style7 alt post-25989 type-post status-publish format-standard has-post-thumbnail hentry category-federacio-de-mallorca category-portada\" role=\"article\">\n\t\t<figure class=\"post-gallery\"><img loading=\"lazy\" decoding=\"async\" width=\"600\" height=\"400\" src=\"https:\/\/www.psib-psoe.org\/mallorca\/wp-content\/uploads\/XX-premi-maria-plaza-1-600x400.jpg\" class=\"attachment-notio-general-x2 size-notio-general-x2 wp-post-image\" alt=\"\" srcset=\"https:\/\/www.psib-psoe.org\/mallorca\/wp-content\/uploads\/XX-premi-maria-plaza-1-600x400.jpg 600w, https:\/\/www.psib-psoe.org\/mallorca\/wp-content\/uploads\/XX-premi-maria-plaza-1-300x200.jpg 300w, https:\/\/www.psib-psoe.org\/mallorca\/wp-content\/uploads\/XX-premi-maria-plaza-1-768x512.jpg 768w, https:\/\/www.psib-psoe.org\/mallorca\/wp-content\/uploads\/XX-premi-maria-plaza-1-1024x682.jpg 1024w, https:\/\/www.psib-psoe.org\/mallorca\/wp-content\/uploads\/XX-premi-maria-plaza-1-150x100.jpg 150w, https:\/\/www.psib-psoe.org\/mallorca\/wp-content\/uploads\/XX-premi-maria-plaza-1-900x600.jpg 900w, https:\/\/www.psib-psoe.org\/mallorca\/wp-content\/uploads\/XX-premi-maria-plaza-1-20x13.jpg 20w, https:\/\/www.psib-psoe.org\/mallorca\/wp-content\/uploads\/XX-premi-maria-plaza-1.jpg 1600w\" sizes=\"(max-width: 600px) 100vw, 600px\" \/><\/figure>\n\t\t<div class=\"blog-top\">\n\t\t\t<header class=\"post-title entry-header\">\n\t\t\t\t<aside class=\"post-meta cf\">\n\t\t20\/06\/2021 \/ <a href=\"https:\/\/www.psib-psoe.org\/mallorca\/category\/federacio-de-mallorca\/\" rel=\"category tag\">Federaci\u00f3 de Mallorca<\/a>, <a href=\"https:\/\/www.psib-psoe.org\/mallorca\/category\/portada\/\" rel=\"category tag\">Portada<\/a><\/aside>\n\t\t\t\t<h3 itemprop=\"headline\"><a href=\"https:\/\/www.psib-psoe.org\/mallorca\/els-socialistes-de-mallorca-atorguen-el-xx-premi-maria-plaza-a-carmen-calvo-per-la-transversalitat-de-les-seves-politiques-feministes-per-la-seva-lluita-per-la-igualtat-i-contra-la-violencia-masclist\/\" title=\"Els socialistes de Mallorca atorguen el XX Premi Maria Plaza a Carmen Calvo per la transversalitat de les seves pol\u00edtiques feministes, per la seva lluita per la igualtat i contra la viol\u00e8ncia masclista\">Els socialistes de Mallorca atorguen el XX Premi Maria Plaza a Carmen Calvo per la transversalitat de les seves pol\u00edtiques feministes, per la seva lluita per la igualtat i contra la viol\u00e8ncia masclista<\/a><\/h3>\n\t\t\t<\/header>\n\t\t<\/div>\n\t\t<div class=\"post-content\">\n\t\t\t<a href=\"https:\/\/www.psib-psoe.org\/mallorca\/els-socialistes-de-mallorca-atorguen-el-xx-premi-maria-plaza-a-carmen-calvo-per-la-transversalitat-de-les-seves-politiques-feministes-per-la-seva-lluita-per-la-igualtat-i-contra-la-violencia-masclist\/\" class=\"more-link\">Read More<\/a>\n\t\t<\/div>\n\t\t\t<aside class=\"post-bottom-meta hide\">\n\t\t<strong rel=\"author\" itemprop=\"author\" class=\"author vcard\"><span class=\"fn\">Socialistes de Mallorca<\/span><\/strong>\n\t\t<time class=\"date published time\" datetime=\"2021-06-20T16:37:40+02:00\" itemprop=\"datePublished\" content=\"2021-06-20T16:37:40+02:00\">20\/06\/2021<\/time>\n\t\t<meta itemprop=\"dateModified\" class=\"date updated\" content=\"2021-06-20T16:37:40+02:00\">\n\t\t<span class=\"hide\" itemprop=\"publisher\" itemscope itemtype=\"https:\/\/schema.org\/Organization\">\n\t\t\t<meta itemprop=\"name\" content=\"SocialistesdMca\">\n\t\t\t<span itemprop=\"logo\" itemscope itemtype=\"https:\/\/schema.org\/ImageObject\">\n\t\t\t\t<meta itemprop=\"url\" content=\"https:\/\/www.psib-psoe.org\/mallorca\/wp-content\/themes\/notio-wp\/assets\/img\/logo.png\">\n\t\t\t<\/span>\n\t\t\t<meta itemprop=\"url\" content=\"https:\/\/www.psib-psoe.org\/mallorca\/\">\n\t\t<\/span>\n\t\t\t\t<span class=\"hide\" itemprop=\"image\" itemscope itemtype=\"http:\/\/schema.org\/ImageObject\">\n\t\t\t<meta itemprop=\"url\" content=\"https:\/\/www.psib-psoe.org\/mallorca\/wp-content\/uploads\/XX-premi-maria-plaza-1.jpg\">\n\t\t\t<meta itemprop=\"width\" content=\"1600\">\n\t\t\t<meta itemprop=\"height\" content=\"1066\">\n\t\t<\/span>\n\t\t\t\t<meta itemscope itemprop=\"mainEntityOfPage\" itemtype=\"https:\/\/schema.org\/WebPage\" itemid=\"https:\/\/www.psib-psoe.org\/mallorca\/els-socialistes-de-mallorca-atorguen-el-xx-premi-maria-plaza-a-carmen-calvo-per-la-transversalitat-de-les-seves-politiques-feministes-per-la-seva-lluita-per-la-igualtat-i-contra-la-violencia-masclist\/\">\n\t<\/aside>\n\t\t<\/article>\n<\/div>\n<div class=\"small-12 large-4 columns\">\n\t<article itemscope itemtype=\"http:\/\/schema.org\/Article\" class=\"post blog-style7 alt post-25985 type-post status-publish format-standard has-post-thumbnail hentry category-federacio-de-mallorca category-municipis category-portada\" role=\"article\">\n\t\t<figure class=\"post-gallery\"><img loading=\"lazy\" decoding=\"async\" width=\"600\" height=\"400\" src=\"https:\/\/www.psib-psoe.org\/mallorca\/wp-content\/uploads\/210618-inca-1-600x400.jpg\" class=\"attachment-notio-general-x2 size-notio-general-x2 wp-post-image\" alt=\"\" srcset=\"https:\/\/www.psib-psoe.org\/mallorca\/wp-content\/uploads\/210618-inca-1-600x400.jpg 600w, https:\/\/www.psib-psoe.org\/mallorca\/wp-content\/uploads\/210618-inca-1-300x200.jpg 300w, https:\/\/www.psib-psoe.org\/mallorca\/wp-content\/uploads\/210618-inca-1-768x512.jpg 768w, https:\/\/www.psib-psoe.org\/mallorca\/wp-content\/uploads\/210618-inca-1-1024x683.jpg 1024w, https:\/\/www.psib-psoe.org\/mallorca\/wp-content\/uploads\/210618-inca-1-150x100.jpg 150w, https:\/\/www.psib-psoe.org\/mallorca\/wp-content\/uploads\/210618-inca-1-900x600.jpg 900w, https:\/\/www.psib-psoe.org\/mallorca\/wp-content\/uploads\/210618-inca-1-20x13.jpg 20w\" sizes=\"(max-width: 600px) 100vw, 600px\" \/><\/figure>\n\t\t<div class=\"blog-top\">\n\t\t\t<header class=\"post-title entry-header\">\n\t\t\t\t<aside class=\"post-meta cf\">\n\t\t18\/06\/2021 \/ <a href=\"https:\/\/www.psib-psoe.org\/mallorca\/category\/federacio-de-mallorca\/\" rel=\"category tag\">Federaci\u00f3 de Mallorca<\/a>, <a href=\"https:\/\/www.psib-psoe.org\/mallorca\/category\/municipis\/\" rel=\"category tag\">Municipis<\/a>, <a href=\"https:\/\/www.psib-psoe.org\/mallorca\/category\/portada\/\" rel=\"category tag\">Portada<\/a><\/aside>\n\t\t\t\t<h3 itemprop=\"headline\"><a href=\"https:\/\/www.psib-psoe.org\/mallorca\/virgilio-moreno-mercedes-garrido-i-catalina-cladera-reivindiquen-les-politiques-progressistes-daquests-sis-anys-de-govern-socialista-a-inca-i-a-les-principals-institucions-de-mallorca\/\" title=\"Virgilio Moreno, Mercedes Garrido i Catalina Cladera reivindiquen les pol\u00edtiques progressistes d\u2019aquests sis anys de govern socialista a Inca i a les principals institucions de Mallorca\">Virgilio Moreno, Mercedes Garrido i Catalina Cladera reivindiquen les pol\u00edtiques progressistes d\u2019aquests sis anys de govern socialista a Inca i a les principals institucions de Mallorca<\/a><\/h3>\n\t\t\t<\/header>\n\t\t<\/div>\n\t\t<div class=\"post-content\">\n\t\t\t<a href=\"https:\/\/www.psib-psoe.org\/mallorca\/virgilio-moreno-mercedes-garrido-i-catalina-cladera-reivindiquen-les-politiques-progressistes-daquests-sis-anys-de-govern-socialista-a-inca-i-a-les-principals-institucions-de-mallorca\/\" class=\"more-link\">Read More<\/a>\n\t\t<\/div>\n\t\t\t<aside class=\"post-bottom-meta hide\">\n\t\t<strong rel=\"author\" itemprop=\"author\" class=\"author vcard\"><span class=\"fn\">Socialistes de Mallorca<\/span><\/strong>\n\t\t<time class=\"date published time\" datetime=\"2021-06-18T12:55:39+02:00\" itemprop=\"datePublished\" content=\"2021-06-18T12:55:39+02:00\">18\/06\/2021<\/time>\n\t\t<meta itemprop=\"dateModified\" class=\"date updated\" content=\"2021-06-20T16:37:01+02:00\">\n\t\t<span class=\"hide\" itemprop=\"publisher\" itemscope itemtype=\"https:\/\/schema.org\/Organization\">\n\t\t\t<meta itemprop=\"name\" content=\"SocialistesdMca\">\n\t\t\t<span itemprop=\"logo\" itemscope itemtype=\"https:\/\/schema.org\/ImageObject\">\n\t\t\t\t<meta itemprop=\"url\" content=\"https:\/\/www.psib-psoe.org\/mallorca\/wp-content\/themes\/notio-wp\/assets\/img\/logo.png\">\n\t\t\t<\/span>\n\t\t\t<meta itemprop=\"url\" content=\"https:\/\/www.psib-psoe.org\/mallorca\/\">\n\t\t<\/span>\n\t\t\t\t<span class=\"hide\" itemprop=\"image\" itemscope itemtype=\"http:\/\/schema.org\/ImageObject\">\n\t\t\t<meta itemprop=\"url\" content=\"https:\/\/www.psib-psoe.org\/mallorca\/wp-content\/uploads\/210618-inca-1.jpg\">\n\t\t\t<meta itemprop=\"width\" content=\"5760\">\n\t\t\t<meta itemprop=\"height\" content=\"3840\">\n\t\t<\/span>\n\t\t\t\t<meta itemscope itemprop=\"mainEntityOfPage\" itemtype=\"https:\/\/schema.org\/WebPage\" itemid=\"https:\/\/www.psib-psoe.org\/mallorca\/virgilio-moreno-mercedes-garrido-i-catalina-cladera-reivindiquen-les-politiques-progressistes-daquests-sis-anys-de-govern-socialista-a-inca-i-a-les-principals-institucions-de-mallorca\/\">\n\t<\/aside>\n\t\t<\/article>\n<\/div>\n<div class=\"small-12 large-4 columns\">\n\t<article itemscope itemtype=\"http:\/\/schema.org\/Article\" class=\"post blog-style7 alt post-25982 type-post status-publish format-standard has-post-thumbnail hentry category-federacio-de-mallorca category-municipis category-portada\" role=\"article\">\n\t\t<figure class=\"post-gallery\"><img loading=\"lazy\" decoding=\"async\" width=\"600\" height=\"400\" src=\"https:\/\/www.psib-psoe.org\/mallorca\/wp-content\/uploads\/Jaume-Mateu-Soller-600x400.jpg\" class=\"attachment-notio-general-x2 size-notio-general-x2 wp-post-image\" alt=\"\" srcset=\"https:\/\/www.psib-psoe.org\/mallorca\/wp-content\/uploads\/Jaume-Mateu-Soller-600x400.jpg 600w, https:\/\/www.psib-psoe.org\/mallorca\/wp-content\/uploads\/Jaume-Mateu-Soller-300x200.jpg 300w, https:\/\/www.psib-psoe.org\/mallorca\/wp-content\/uploads\/Jaume-Mateu-Soller-768x511.jpg 768w, https:\/\/www.psib-psoe.org\/mallorca\/wp-content\/uploads\/Jaume-Mateu-Soller-150x100.jpg 150w, https:\/\/www.psib-psoe.org\/mallorca\/wp-content\/uploads\/Jaume-Mateu-Soller-900x600.jpg 900w, https:\/\/www.psib-psoe.org\/mallorca\/wp-content\/uploads\/Jaume-Mateu-Soller-20x13.jpg 20w, https:\/\/www.psib-psoe.org\/mallorca\/wp-content\/uploads\/Jaume-Mateu-Soller.jpg 1000w\" sizes=\"(max-width: 600px) 100vw, 600px\" \/><\/figure>\n\t\t<div class=\"blog-top\">\n\t\t\t<header class=\"post-title entry-header\">\n\t\t\t\t<aside class=\"post-meta cf\">\n\t\t17\/06\/2021 \/ <a href=\"https:\/\/www.psib-psoe.org\/mallorca\/category\/federacio-de-mallorca\/\" rel=\"category tag\">Federaci\u00f3 de Mallorca<\/a>, <a href=\"https:\/\/www.psib-psoe.org\/mallorca\/category\/municipis\/\" rel=\"category tag\">Municipis<\/a>, <a href=\"https:\/\/www.psib-psoe.org\/mallorca\/category\/portada\/\" rel=\"category tag\">Portada<\/a><\/aside>\n\t\t\t\t<h3 itemprop=\"headline\"><a href=\"https:\/\/www.psib-psoe.org\/mallorca\/els-socialistes-de-soller-demanen-la-retirada-de-la-installacio-de-bales-de-palla-que-plagia-lobra-de-valent-i-puigdemasa-si-no-sobte-autoritzacio-dels-autors\/\" title=\"Els socialistes de S\u00f3ller demanen la retirada de la instal\u00b7laci\u00f3 de bales de palla que plagia l&#8217;obra de Valent i Puigdemasa si no s\u2019obt\u00e9 autoritzaci\u00f3 dels autors\">Els socialistes de S\u00f3ller demanen la retirada de la instal\u00b7laci\u00f3 de bales de palla que plagia l&#8217;obra de Valent i Puigdemasa si no s\u2019obt\u00e9 autoritzaci\u00f3 dels autors<\/a><\/h3>\n\t\t\t<\/header>\n\t\t<\/div>\n\t\t<div class=\"post-content\">\n\t\t\t<a href=\"https:\/\/www.psib-psoe.org\/mallorca\/els-socialistes-de-soller-demanen-la-retirada-de-la-installacio-de-bales-de-palla-que-plagia-lobra-de-valent-i-puigdemasa-si-no-sobte-autoritzacio-dels-autors\/\" class=\"more-link\">Read More<\/a>\n\t\t<\/div>\n\t\t\t<aside class=\"post-bottom-meta hide\">\n\t\t<strong rel=\"author\" itemprop=\"author\" class=\"author vcard\"><span class=\"fn\">Socialistes de Mallorca<\/span><\/strong>\n\t\t<time class=\"date published time\" datetime=\"2021-06-17T14:12:13+02:00\" itemprop=\"datePublished\" content=\"2021-06-17T14:12:13+02:00\">17\/06\/2021<\/time>\n\t\t<meta itemprop=\"dateModified\" class=\"date updated\" content=\"2021-08-17T14:51:13+02:00\">\n\t\t<span class=\"hide\" itemprop=\"publisher\" itemscope itemtype=\"https:\/\/schema.org\/Organization\">\n\t\t\t<meta itemprop=\"name\" content=\"SocialistesdMca\">\n\t\t\t<span itemprop=\"logo\" itemscope itemtype=\"https:\/\/schema.org\/ImageObject\">\n\t\t\t\t<meta itemprop=\"url\" content=\"https:\/\/www.psib-psoe.org\/mallorca\/wp-content\/themes\/notio-wp\/assets\/img\/logo.png\">\n\t\t\t<\/span>\n\t\t\t<meta itemprop=\"url\" content=\"https:\/\/www.psib-psoe.org\/mallorca\/\">\n\t\t<\/span>\n\t\t\t\t<span class=\"hide\" itemprop=\"image\" itemscope itemtype=\"http:\/\/schema.org\/ImageObject\">\n\t\t\t<meta itemprop=\"url\" content=\"https:\/\/www.psib-psoe.org\/mallorca\/wp-content\/uploads\/Jaume-Mateu-Soller.jpg\">\n\t\t\t<meta itemprop=\"width\" content=\"1000\">\n\t\t\t<meta itemprop=\"height\" content=\"666\">\n\t\t<\/span>\n\t\t\t\t<meta itemscope itemprop=\"mainEntityOfPage\" itemtype=\"https:\/\/schema.org\/WebPage\" itemid=\"https:\/\/www.psib-psoe.org\/mallorca\/els-socialistes-de-soller-demanen-la-retirada-de-la-installacio-de-bales-de-palla-que-plagia-lobra-de-valent-i-puigdemasa-si-no-sobte-autoritzacio-dels-autors\/\">\n\t<\/aside>\n\t\t<\/article>\n<\/div>\n<div class=\"small-12 large-4 columns\">\n\t<article itemscope itemtype=\"http:\/\/schema.org\/Article\" class=\"post blog-style7 alt post-25976 type-post status-publish format-standard has-post-thumbnail hentry category-federacio-de-mallorca category-municipis category-portada\" role=\"article\">\n\t\t<figure class=\"post-gallery\"><img loading=\"lazy\" decoding=\"async\" width=\"600\" height=\"400\" src=\"https:\/\/www.psib-psoe.org\/mallorca\/wp-content\/uploads\/210612-Sta-Eug\u00e8nia-Pep-Lluis-Urraca-600x400.jpeg\" class=\"attachment-notio-general-x2 size-notio-general-x2 wp-post-image\" alt=\"\" srcset=\"https:\/\/www.psib-psoe.org\/mallorca\/wp-content\/uploads\/210612-Sta-Eug\u00e8nia-Pep-Lluis-Urraca-600x400.jpeg 600w, https:\/\/www.psib-psoe.org\/mallorca\/wp-content\/uploads\/210612-Sta-Eug\u00e8nia-Pep-Lluis-Urraca-300x200.jpeg 300w, https:\/\/www.psib-psoe.org\/mallorca\/wp-content\/uploads\/210612-Sta-Eug\u00e8nia-Pep-Lluis-Urraca-900x600.jpeg 900w, https:\/\/www.psib-psoe.org\/mallorca\/wp-content\/uploads\/210612-Sta-Eug\u00e8nia-Pep-Lluis-Urraca-20x13.jpeg 20w\" sizes=\"(max-width: 600px) 100vw, 600px\" \/><\/figure>\n\t\t<div class=\"blog-top\">\n\t\t\t<header class=\"post-title entry-header\">\n\t\t\t\t<aside class=\"post-meta cf\">\n\t\t12\/06\/2021 \/ <a href=\"https:\/\/www.psib-psoe.org\/mallorca\/category\/federacio-de-mallorca\/\" rel=\"category tag\">Federaci\u00f3 de Mallorca<\/a>, <a href=\"https:\/\/www.psib-psoe.org\/mallorca\/category\/municipis\/\" rel=\"category tag\">Municipis<\/a>, <a href=\"https:\/\/www.psib-psoe.org\/mallorca\/category\/portada\/\" rel=\"category tag\">Portada<\/a><\/aside>\n\t\t\t\t<h3 itemprop=\"headline\"><a href=\"https:\/\/www.psib-psoe.org\/mallorca\/pep-lluis-urraca-el-batle-socialista-que-ha-demostrat-que-a-santa-eugenia-era-possible-el-canvi-i-una-altra-manera-de-fer-politica\/\" title=\"Pep Llu\u00eds Urraca, el batle socialista que ha demostrat que a Santa Eug\u00e8nia era possible el canvi i una altra manera de fer pol\u00edtica\">Pep Llu\u00eds Urraca, el batle socialista que ha demostrat que a Santa Eug\u00e8nia era possible el canvi i una altra manera de fer pol\u00edtica<\/a><\/h3>\n\t\t\t<\/header>\n\t\t<\/div>\n\t\t<div class=\"post-content\">\n\t\t\t<a href=\"https:\/\/www.psib-psoe.org\/mallorca\/pep-lluis-urraca-el-batle-socialista-que-ha-demostrat-que-a-santa-eugenia-era-possible-el-canvi-i-una-altra-manera-de-fer-politica\/\" class=\"more-link\">Read More<\/a>\n\t\t<\/div>\n\t\t\t<aside class=\"post-bottom-meta hide\">\n\t\t<strong rel=\"author\" itemprop=\"author\" class=\"author vcard\"><span class=\"fn\">Socialistes de Mallorca<\/span><\/strong>\n\t\t<time class=\"date published time\" datetime=\"2021-06-12T19:31:57+02:00\" itemprop=\"datePublished\" content=\"2021-06-12T19:31:57+02:00\">12\/06\/2021<\/time>\n\t\t<meta itemprop=\"dateModified\" class=\"date updated\" content=\"2021-06-12T19:32:12+02:00\">\n\t\t<span class=\"hide\" itemprop=\"publisher\" itemscope itemtype=\"https:\/\/schema.org\/Organization\">\n\t\t\t<meta itemprop=\"name\" content=\"SocialistesdMca\">\n\t\t\t<span itemprop=\"logo\" itemscope itemtype=\"https:\/\/schema.org\/ImageObject\">\n\t\t\t\t<meta itemprop=\"url\" content=\"https:\/\/www.psib-psoe.org\/mallorca\/wp-content\/themes\/notio-wp\/assets\/img\/logo.png\">\n\t\t\t<\/span>\n\t\t\t<meta itemprop=\"url\" content=\"https:\/\/www.psib-psoe.org\/mallorca\/\">\n\t\t<\/span>\n\t\t\t\t<span class=\"hide\" itemprop=\"image\" itemscope itemtype=\"http:\/\/schema.org\/ImageObject\">\n\t\t\t<meta itemprop=\"url\" content=\"https:\/\/www.psib-psoe.org\/mallorca\/wp-content\/uploads\/210612-Sta-Eug\u00e8nia-Pep-Lluis-Urraca.jpeg\">\n\t\t\t<meta itemprop=\"width\" content=\"1280\">\n\t\t\t<meta itemprop=\"height\" content=\"960\">\n\t\t<\/span>\n\t\t\t\t<meta itemscope itemprop=\"mainEntityOfPage\" itemtype=\"https:\/\/schema.org\/WebPage\" itemid=\"https:\/\/www.psib-psoe.org\/mallorca\/pep-lluis-urraca-el-batle-socialista-que-ha-demostrat-que-a-santa-eugenia-era-possible-el-canvi-i-una-altra-manera-de-fer-politica\/\">\n\t<\/aside>\n\t\t<\/article>\n<\/div>\n<div class=\"small-12 large-4 columns\">\n\t<article itemscope itemtype=\"http:\/\/schema.org\/Article\" class=\"post blog-style7 alt post-25971 type-post status-publish format-standard has-post-thumbnail hentry category-federacio-de-mallorca category-municipis category-portada\" role=\"article\">\n\t\t<figure class=\"post-gallery\"><img loading=\"lazy\" decoding=\"async\" width=\"600\" height=\"400\" src=\"https:\/\/www.psib-psoe.org\/mallorca\/wp-content\/uploads\/Xisco-Duarte-Dami-Massut\u00ed-i-Gracia-Gonz\u00e1lez-1-600x400.jpeg\" class=\"attachment-notio-general-x2 size-notio-general-x2 wp-post-image\" alt=\"\" srcset=\"https:\/\/www.psib-psoe.org\/mallorca\/wp-content\/uploads\/Xisco-Duarte-Dami-Massut\u00ed-i-Gracia-Gonz\u00e1lez-1-600x400.jpeg 600w, https:\/\/www.psib-psoe.org\/mallorca\/wp-content\/uploads\/Xisco-Duarte-Dami-Massut\u00ed-i-Gracia-Gonz\u00e1lez-1-300x200.jpeg 300w, https:\/\/www.psib-psoe.org\/mallorca\/wp-content\/uploads\/Xisco-Duarte-Dami-Massut\u00ed-i-Gracia-Gonz\u00e1lez-1-900x600.jpeg 900w, https:\/\/www.psib-psoe.org\/mallorca\/wp-content\/uploads\/Xisco-Duarte-Dami-Massut\u00ed-i-Gracia-Gonz\u00e1lez-1-20x13.jpeg 20w\" sizes=\"(max-width: 600px) 100vw, 600px\" \/><\/figure>\n\t\t<div class=\"blog-top\">\n\t\t\t<header class=\"post-title entry-header\">\n\t\t\t\t<aside class=\"post-meta cf\">\n\t\t11\/06\/2021 \/ <a href=\"https:\/\/www.psib-psoe.org\/mallorca\/category\/federacio-de-mallorca\/\" rel=\"category tag\">Federaci\u00f3 de Mallorca<\/a>, <a href=\"https:\/\/www.psib-psoe.org\/mallorca\/category\/municipis\/\" rel=\"category tag\">Municipis<\/a>, <a href=\"https:\/\/www.psib-psoe.org\/mallorca\/category\/portada\/\" rel=\"category tag\">Portada<\/a><\/aside>\n\t\t\t\t<h3 itemprop=\"headline\"><a href=\"https:\/\/www.psib-psoe.org\/mallorca\/el-psib-psoe-de-felanitx-demana-que-el-batle-jaume-monserrat-es-presenti-a-una-reeleccio-o-una-mocio-de-confianca-davant-la-illegitimitat-de-lequip-de-govern-actual\/\" title=\"El PSIB-PSOE de Felanitx demana que el batle, Jaume Monserrat, es presenti a una reelecci\u00f3, o una moci\u00f3 de confian\u00e7a, davant la il\u00b7legitimitat de l\u2019equip de govern actual\">El PSIB-PSOE de Felanitx demana que el batle, Jaume Monserrat, es presenti a una reelecci\u00f3, o una moci\u00f3 de confian\u00e7a, davant la il\u00b7legitimitat de l\u2019equip de govern actual<\/a><\/h3>\n\t\t\t<\/header>\n\t\t<\/div>\n\t\t<div class=\"post-content\">\n\t\t\t<a href=\"https:\/\/www.psib-psoe.org\/mallorca\/el-psib-psoe-de-felanitx-demana-que-el-batle-jaume-monserrat-es-presenti-a-una-reeleccio-o-una-mocio-de-confianca-davant-la-illegitimitat-de-lequip-de-govern-actual\/\" class=\"more-link\">Read More<\/a>\n\t\t<\/div>\n\t\t\t<aside class=\"post-bottom-meta hide\">\n\t\t<strong rel=\"author\" itemprop=\"author\" class=\"author vcard\"><span class=\"fn\">Socialistes de Mallorca<\/span><\/strong>\n\t\t<time class=\"date published time\" datetime=\"2021-06-11T14:39:58+02:00\" itemprop=\"datePublished\" content=\"2021-06-11T14:39:58+02:00\">11\/06\/2021<\/time>\n\t\t<meta itemprop=\"dateModified\" class=\"date updated\" content=\"2021-06-11T14:39:58+02:00\">\n\t\t<span class=\"hide\" itemprop=\"publisher\" itemscope itemtype=\"https:\/\/schema.org\/Organization\">\n\t\t\t<meta itemprop=\"name\" content=\"SocialistesdMca\">\n\t\t\t<span itemprop=\"logo\" itemscope itemtype=\"https:\/\/schema.org\/ImageObject\">\n\t\t\t\t<meta itemprop=\"url\" content=\"https:\/\/www.psib-psoe.org\/mallorca\/wp-content\/themes\/notio-wp\/assets\/img\/logo.png\">\n\t\t\t<\/span>\n\t\t\t<meta itemprop=\"url\" content=\"https:\/\/www.psib-psoe.org\/mallorca\/\">\n\t\t<\/span>\n\t\t\t\t<span class=\"hide\" itemprop=\"image\" itemscope itemtype=\"http:\/\/schema.org\/ImageObject\">\n\t\t\t<meta itemprop=\"url\" content=\"https:\/\/www.psib-psoe.org\/mallorca\/wp-content\/uploads\/Xisco-Duarte-Dami-Massut\u00ed-i-Gracia-Gonz\u00e1lez-1.jpeg\">\n\t\t\t<meta itemprop=\"width\" content=\"1280\">\n\t\t\t<meta itemprop=\"height\" content=\"960\">\n\t\t<\/span>\n\t\t\t\t<meta itemscope itemprop=\"mainEntityOfPage\" itemtype=\"https:\/\/schema.org\/WebPage\" itemid=\"https:\/\/www.psib-psoe.org\/mallorca\/el-psib-psoe-de-felanitx-demana-que-el-batle-jaume-monserrat-es-presenti-a-una-reeleccio-o-una-mocio-de-confianca-davant-la-illegitimitat-de-lequip-de-govern-actual\/\">\n\t<\/aside>\n\t\t<\/article>\n<\/div>\n<div class=\"small-12 large-4 columns\">\n\t<article itemscope itemtype=\"http:\/\/schema.org\/Article\" class=\"post blog-style7 alt post-25964 type-post status-publish format-standard hentry category-federacio-de-mallorca category-municipis category-portada\" role=\"article\">\n\t\t<figure class=\"post-gallery\"><\/figure>\n\t\t<div class=\"blog-top\">\n\t\t\t<header class=\"post-title entry-header\">\n\t\t\t\t<aside class=\"post-meta cf\">\n\t\t09\/06\/2021 \/ <a href=\"https:\/\/www.psib-psoe.org\/mallorca\/category\/federacio-de-mallorca\/\" rel=\"category tag\">Federaci\u00f3 de Mallorca<\/a>, <a href=\"https:\/\/www.psib-psoe.org\/mallorca\/category\/municipis\/\" rel=\"category tag\">Municipis<\/a>, <a href=\"https:\/\/www.psib-psoe.org\/mallorca\/category\/portada\/\" rel=\"category tag\">Portada<\/a><\/aside>\n\t\t\t\t<h3 itemprop=\"headline\"><a href=\"https:\/\/www.psib-psoe.org\/mallorca\/el-psib-psoe-de-maria-de-la-salut-torna-a-denunciar-la-mancanca-de-transparencia-de-lequip-de-govern-que-ha-decidit-suspendre-el-ple-de-juny\/\" title=\"El PSIB-PSOE de Maria de la Salut torna a denunciar la mancan\u00e7a de transpar\u00e8ncia de l&#8217;equip de govern, que ha decidit suspendre el Ple de juny\">El PSIB-PSOE de Maria de la Salut torna a denunciar la mancan\u00e7a de transpar\u00e8ncia de l&#8217;equip de govern, que ha decidit suspendre el Ple de juny<\/a><\/h3>\n\t\t\t<\/header>\n\t\t<\/div>\n\t\t<div class=\"post-content\">\n\t\t\t<a href=\"https:\/\/www.psib-psoe.org\/mallorca\/el-psib-psoe-de-maria-de-la-salut-torna-a-denunciar-la-mancanca-de-transparencia-de-lequip-de-govern-que-ha-decidit-suspendre-el-ple-de-juny\/\" class=\"more-link\">Read More<\/a>\n\t\t<\/div>\n\t\t\t<aside class=\"post-bottom-meta hide\">\n\t\t<strong rel=\"author\" itemprop=\"author\" class=\"author vcard\"><span class=\"fn\">Socialistes de Mallorca<\/span><\/strong>\n\t\t<time class=\"date published time\" datetime=\"2021-06-09T14:37:37+02:00\" itemprop=\"datePublished\" content=\"2021-06-09T14:37:37+02:00\">09\/06\/2021<\/time>\n\t\t<meta itemprop=\"dateModified\" class=\"date updated\" content=\"2021-06-09T14:38:10+02:00\">\n\t\t<span class=\"hide\" itemprop=\"publisher\" itemscope itemtype=\"https:\/\/schema.org\/Organization\">\n\t\t\t<meta itemprop=\"name\" content=\"SocialistesdMca\">\n\t\t\t<span itemprop=\"logo\" itemscope itemtype=\"https:\/\/schema.org\/ImageObject\">\n\t\t\t\t<meta itemprop=\"url\" content=\"https:\/\/www.psib-psoe.org\/mallorca\/wp-content\/themes\/notio-wp\/assets\/img\/logo.png\">\n\t\t\t<\/span>\n\t\t\t<meta itemprop=\"url\" content=\"https:\/\/www.psib-psoe.org\/mallorca\/\">\n\t\t<\/span>\n\t\t\t\t<meta itemscope itemprop=\"mainEntityOfPage\" itemtype=\"https:\/\/schema.org\/WebPage\" itemid=\"https:\/\/www.psib-psoe.org\/mallorca\/el-psib-psoe-de-maria-de-la-salut-torna-a-denunciar-la-mancanca-de-transparencia-de-lequip-de-govern-que-ha-decidit-suspendre-el-ple-de-juny\/\">\n\t<\/aside>\n\t\t<\/article>\n<\/div>\n<div class=\"small-12 large-4 columns\">\n\t<article itemscope itemtype=\"http:\/\/schema.org\/Article\" class=\"post blog-style7 alt post-25961 type-post status-publish format-standard has-post-thumbnail hentry category-federacio-de-mallorca category-municipis category-portada\" role=\"article\">\n\t\t<figure class=\"post-gallery\"><img loading=\"lazy\" decoding=\"async\" width=\"600\" height=\"400\" src=\"https:\/\/www.psib-psoe.org\/mallorca\/wp-content\/uploads\/Xisco-Duarte-mobilitat-600x400.jpeg\" class=\"attachment-notio-general-x2 size-notio-general-x2 wp-post-image\" alt=\"\" srcset=\"https:\/\/www.psib-psoe.org\/mallorca\/wp-content\/uploads\/Xisco-Duarte-mobilitat-600x400.jpeg 600w, https:\/\/www.psib-psoe.org\/mallorca\/wp-content\/uploads\/Xisco-Duarte-mobilitat-300x200.jpeg 300w, https:\/\/www.psib-psoe.org\/mallorca\/wp-content\/uploads\/Xisco-Duarte-mobilitat-900x600.jpeg 900w, https:\/\/www.psib-psoe.org\/mallorca\/wp-content\/uploads\/Xisco-Duarte-mobilitat-20x13.jpeg 20w\" sizes=\"(max-width: 600px) 100vw, 600px\" \/><\/figure>\n\t\t<div class=\"blog-top\">\n\t\t\t<header class=\"post-title entry-header\">\n\t\t\t\t<aside class=\"post-meta cf\">\n\t\t07\/06\/2021 \/ <a href=\"https:\/\/www.psib-psoe.org\/mallorca\/category\/federacio-de-mallorca\/\" rel=\"category tag\">Federaci\u00f3 de Mallorca<\/a>, <a href=\"https:\/\/www.psib-psoe.org\/mallorca\/category\/municipis\/\" rel=\"category tag\">Municipis<\/a>, <a href=\"https:\/\/www.psib-psoe.org\/mallorca\/category\/portada\/\" rel=\"category tag\">Portada<\/a><\/aside>\n\t\t\t\t<h3 itemprop=\"headline\"><a href=\"https:\/\/www.psib-psoe.org\/mallorca\/els-socialistes-de-felanitx-denuncien-la-inaccio-de-lajuntament-davant-el-greu-problema-de-mobilitat-que-te-el-municipi\/\" title=\"Els socialistes de Felanitx denuncien la inacci\u00f3 de l\u2019Ajuntament davant el greu problema de mobilitat que t\u00e9 el municipi\">Els socialistes de Felanitx denuncien la inacci\u00f3 de l\u2019Ajuntament davant el greu problema de mobilitat que t\u00e9 el municipi<\/a><\/h3>\n\t\t\t<\/header>\n\t\t<\/div>\n\t\t<div class=\"post-content\">\n\t\t\t<a href=\"https:\/\/www.psib-psoe.org\/mallorca\/els-socialistes-de-felanitx-denuncien-la-inaccio-de-lajuntament-davant-el-greu-problema-de-mobilitat-que-te-el-municipi\/\" class=\"more-link\">Read More<\/a>\n\t\t<\/div>\n\t\t\t<aside class=\"post-bottom-meta hide\">\n\t\t<strong rel=\"author\" itemprop=\"author\" class=\"author vcard\"><span class=\"fn\">Socialistes de Mallorca<\/span><\/strong>\n\t\t<time class=\"date published time\" datetime=\"2021-06-07T12:46:27+02:00\" itemprop=\"datePublished\" content=\"2021-06-07T12:46:27+02:00\">07\/06\/2021<\/time>\n\t\t<meta itemprop=\"dateModified\" class=\"date updated\" content=\"2021-06-07T12:46:27+02:00\">\n\t\t<span class=\"hide\" itemprop=\"publisher\" itemscope itemtype=\"https:\/\/schema.org\/Organization\">\n\t\t\t<meta itemprop=\"name\" content=\"SocialistesdMca\">\n\t\t\t<span itemprop=\"logo\" itemscope itemtype=\"https:\/\/schema.org\/ImageObject\">\n\t\t\t\t<meta itemprop=\"url\" content=\"https:\/\/www.psib-psoe.org\/mallorca\/wp-content\/themes\/notio-wp\/assets\/img\/logo.png\">\n\t\t\t<\/span>\n\t\t\t<meta itemprop=\"url\" content=\"https:\/\/www.psib-psoe.org\/mallorca\/\">\n\t\t<\/span>\n\t\t\t\t<span class=\"hide\" itemprop=\"image\" itemscope itemtype=\"http:\/\/schema.org\/ImageObject\">\n\t\t\t<meta itemprop=\"url\" content=\"https:\/\/www.psib-psoe.org\/mallorca\/wp-content\/uploads\/Xisco-Duarte-mobilitat.jpeg\">\n\t\t\t<meta itemprop=\"width\" content=\"1815\">\n\t\t\t<meta itemprop=\"height\" content=\"2048\">\n\t\t<\/span>\n\t\t\t\t<meta itemscope itemprop=\"mainEntityOfPage\" itemtype=\"https:\/\/schema.org\/WebPage\" itemid=\"https:\/\/www.psib-psoe.org\/mallorca\/els-socialistes-de-felanitx-denuncien-la-inaccio-de-lajuntament-davant-el-greu-problema-de-mobilitat-que-te-el-municipi\/\">\n\t<\/aside>\n\t\t<\/article>\n<\/div>\n<div class=\"small-12 large-4 columns\">\n\t<article itemscope itemtype=\"http:\/\/schema.org\/Article\" class=\"post blog-style7 alt post-25959 type-post status-publish format-standard has-post-thumbnail hentry category-federacio-de-mallorca tag-federacio-socialista-de-mallorca\" role=\"article\">\n\t\t<figure class=\"post-gallery\"><img loading=\"lazy\" decoding=\"async\" width=\"600\" height=\"400\" src=\"https:\/\/www.psib-psoe.org\/mallorca\/wp-content\/uploads\/acte-segon-aniversari-armengol-cladera-hila-garrido-homs-2-600x400.jpeg\" class=\"attachment-notio-general-x2 size-notio-general-x2 wp-post-image\" alt=\"\" srcset=\"https:\/\/www.psib-psoe.org\/mallorca\/wp-content\/uploads\/acte-segon-aniversari-armengol-cladera-hila-garrido-homs-2-600x400.jpeg 600w, https:\/\/www.psib-psoe.org\/mallorca\/wp-content\/uploads\/acte-segon-aniversari-armengol-cladera-hila-garrido-homs-2-300x200.jpeg 300w, https:\/\/www.psib-psoe.org\/mallorca\/wp-content\/uploads\/acte-segon-aniversari-armengol-cladera-hila-garrido-homs-2-768x512.jpeg 768w, https:\/\/www.psib-psoe.org\/mallorca\/wp-content\/uploads\/acte-segon-aniversari-armengol-cladera-hila-garrido-homs-2-1024x682.jpeg 1024w, https:\/\/www.psib-psoe.org\/mallorca\/wp-content\/uploads\/acte-segon-aniversari-armengol-cladera-hila-garrido-homs-2-150x100.jpeg 150w, https:\/\/www.psib-psoe.org\/mallorca\/wp-content\/uploads\/acte-segon-aniversari-armengol-cladera-hila-garrido-homs-2-900x600.jpeg 900w, https:\/\/www.psib-psoe.org\/mallorca\/wp-content\/uploads\/acte-segon-aniversari-armengol-cladera-hila-garrido-homs-2-20x13.jpeg 20w, https:\/\/www.psib-psoe.org\/mallorca\/wp-content\/uploads\/acte-segon-aniversari-armengol-cladera-hila-garrido-homs-2.jpeg 1600w\" sizes=\"(max-width: 600px) 100vw, 600px\" \/><\/figure>\n\t\t<div class=\"blog-top\">\n\t\t\t<header class=\"post-title entry-header\">\n\t\t\t\t<aside class=\"post-meta cf\">\n\t\t05\/06\/2021 \/ <a href=\"https:\/\/www.psib-psoe.org\/mallorca\/category\/federacio-de-mallorca\/\" rel=\"category tag\">Federaci\u00f3 de Mallorca<\/a><\/aside>\n\t\t\t\t<h3 itemprop=\"headline\"><a href=\"https:\/\/www.psib-psoe.org\/mallorca\/francina-armengol-els-socialistes-hem-estat-on-haviem-destar-som-on-hem-de-ser-i-hi-serem-sempre\/\" title=\"Francina Armengol: \u201dEls socialistes hem estat on hav\u00edem d\u2019estar, som on hem de ser i hi serem, sempre\u201d\">Francina Armengol: \u201dEls socialistes hem estat on hav\u00edem d\u2019estar, som on hem de ser i hi serem, sempre\u201d<\/a><\/h3>\n\t\t\t<\/header>\n\t\t<\/div>\n\t\t<div class=\"post-content\">\n\t\t\t<a href=\"https:\/\/www.psib-psoe.org\/mallorca\/francina-armengol-els-socialistes-hem-estat-on-haviem-destar-som-on-hem-de-ser-i-hi-serem-sempre\/\" class=\"more-link\">Read More<\/a>\n\t\t<\/div>\n\t\t\t<aside class=\"post-bottom-meta hide\">\n\t\t<strong rel=\"author\" itemprop=\"author\" class=\"author vcard\"><span class=\"fn\">adminpsib<\/span><\/strong>\n\t\t<time class=\"date published time\" datetime=\"2021-06-05T14:25:36+02:00\" itemprop=\"datePublished\" content=\"2021-06-05T14:25:36+02:00\">05\/06\/2021<\/time>\n\t\t<meta itemprop=\"dateModified\" class=\"date updated\" content=\"2021-06-05T14:25:36+02:00\">\n\t\t<span class=\"hide\" itemprop=\"publisher\" itemscope itemtype=\"https:\/\/schema.org\/Organization\">\n\t\t\t<meta itemprop=\"name\" content=\"SocialistesdMca\">\n\t\t\t<span itemprop=\"logo\" itemscope itemtype=\"https:\/\/schema.org\/ImageObject\">\n\t\t\t\t<meta itemprop=\"url\" content=\"https:\/\/www.psib-psoe.org\/mallorca\/wp-content\/themes\/notio-wp\/assets\/img\/logo.png\">\n\t\t\t<\/span>\n\t\t\t<meta itemprop=\"url\" content=\"https:\/\/www.psib-psoe.org\/mallorca\/\">\n\t\t<\/span>\n\t\t\t\t<span class=\"hide\" itemprop=\"image\" itemscope itemtype=\"http:\/\/schema.org\/ImageObject\">\n\t\t\t<meta itemprop=\"url\" content=\"https:\/\/www.psib-psoe.org\/mallorca\/wp-content\/uploads\/acte-segon-aniversari-armengol-cladera-hila-garrido-homs-2.jpeg\">\n\t\t\t<meta itemprop=\"width\" content=\"1600\">\n\t\t\t<meta itemprop=\"height\" content=\"1066\">\n\t\t<\/span>\n\t\t\t\t<meta itemscope itemprop=\"mainEntityOfPage\" itemtype=\"https:\/\/schema.org\/WebPage\" itemid=\"https:\/\/www.psib-psoe.org\/mallorca\/francina-armengol-els-socialistes-hem-estat-on-haviem-destar-som-on-hem-de-ser-i-hi-serem-sempre\/\">\n\t<\/aside>\n\t\t<\/article>\n<\/div>\n<div class=\"small-12 large-4 columns\">\n\t<article itemscope itemtype=\"http:\/\/schema.org\/Article\" class=\"post blog-style7 alt post-25955 type-post status-publish format-standard hentry category-federacio-de-mallorca category-municipis category-portada\" role=\"article\">\n\t\t<figure class=\"post-gallery\"><\/figure>\n\t\t<div class=\"blog-top\">\n\t\t\t<header class=\"post-title entry-header\">\n\t\t\t\t<aside class=\"post-meta cf\">\n\t\t04\/06\/2021 \/ <a href=\"https:\/\/www.psib-psoe.org\/mallorca\/category\/federacio-de-mallorca\/\" rel=\"category tag\">Federaci\u00f3 de Mallorca<\/a>, <a href=\"https:\/\/www.psib-psoe.org\/mallorca\/category\/municipis\/\" rel=\"category tag\">Municipis<\/a>, <a href=\"https:\/\/www.psib-psoe.org\/mallorca\/category\/portada\/\" rel=\"category tag\">Portada<\/a><\/aside>\n\t\t\t\t<h3 itemprop=\"headline\"><a href=\"https:\/\/www.psib-psoe.org\/mallorca\/el-psib-psoe-de-maria-de-la-salut-sollicita-al-ple-el-compromis-diniciar-enguany-les-obres-dextensio-de-xarxa-daigues-residuals-al-carrer-es-pujolet\/\" title=\"El PSIB-PSOE de Maria de la Salut sol\u00b7licita al Ple el comprom\u00eds d\u2019iniciar enguany les obres d\u2019extensi\u00f3 de xarxa d\u2019aig\u00fces residuals al carrer Es Pujolet\">El PSIB-PSOE de Maria de la Salut sol\u00b7licita al Ple el comprom\u00eds d\u2019iniciar enguany les obres d\u2019extensi\u00f3 de xarxa d\u2019aig\u00fces residuals al carrer Es Pujolet<\/a><\/h3>\n\t\t\t<\/header>\n\t\t<\/div>\n\t\t<div class=\"post-content\">\n\t\t\t<a href=\"https:\/\/www.psib-psoe.org\/mallorca\/el-psib-psoe-de-maria-de-la-salut-sollicita-al-ple-el-compromis-diniciar-enguany-les-obres-dextensio-de-xarxa-daigues-residuals-al-carrer-es-pujolet\/\" class=\"more-link\">Read More<\/a>\n\t\t<\/div>\n\t\t\t<aside class=\"post-bottom-meta hide\">\n\t\t<strong rel=\"author\" itemprop=\"author\" class=\"author vcard\"><span class=\"fn\">Socialistes de Mallorca<\/span><\/strong>\n\t\t<time class=\"date published time\" datetime=\"2021-06-04T15:06:06+02:00\" itemprop=\"datePublished\" content=\"2021-06-04T15:06:06+02:00\">04\/06\/2021<\/time>\n\t\t<meta itemprop=\"dateModified\" class=\"date updated\" content=\"2021-06-04T15:06:06+02:00\">\n\t\t<span class=\"hide\" itemprop=\"publisher\" itemscope itemtype=\"https:\/\/schema.org\/Organization\">\n\t\t\t<meta itemprop=\"name\" content=\"SocialistesdMca\">\n\t\t\t<span itemprop=\"logo\" itemscope itemtype=\"https:\/\/schema.org\/ImageObject\">\n\t\t\t\t<meta itemprop=\"url\" content=\"https:\/\/www.psib-psoe.org\/mallorca\/wp-content\/themes\/notio-wp\/assets\/img\/logo.png\">\n\t\t\t<\/span>\n\t\t\t<meta itemprop=\"url\" content=\"https:\/\/www.psib-psoe.org\/mallorca\/\">\n\t\t<\/span>\n\t\t\t\t<meta itemscope itemprop=\"mainEntityOfPage\" itemtype=\"https:\/\/schema.org\/WebPage\" itemid=\"https:\/\/www.psib-psoe.org\/mallorca\/el-psib-psoe-de-maria-de-la-salut-sollicita-al-ple-el-compromis-diniciar-enguany-les-obres-dextensio-de-xarxa-daigues-residuals-al-carrer-es-pujolet\/\">\n\t<\/aside>\n\t\t<\/article>\n<\/div>\n<div class=\"small-12 large-4 columns\">\n\t<article itemscope itemtype=\"http:\/\/schema.org\/Article\" class=\"post blog-style7 alt post-25951 type-post status-publish format-standard has-post-thumbnail hentry category-federacio-de-mallorca category-municipis category-portada\" role=\"article\">\n\t\t<figure class=\"post-gallery\"><img loading=\"lazy\" decoding=\"async\" width=\"600\" height=\"400\" src=\"https:\/\/www.psib-psoe.org\/mallorca\/wp-content\/uploads\/mapa-felanitx-600x400.jpg\" class=\"attachment-notio-general-x2 size-notio-general-x2 wp-post-image\" alt=\"\" srcset=\"https:\/\/www.psib-psoe.org\/mallorca\/wp-content\/uploads\/mapa-felanitx-600x400.jpg 600w, https:\/\/www.psib-psoe.org\/mallorca\/wp-content\/uploads\/mapa-felanitx-300x200.jpg 300w, https:\/\/www.psib-psoe.org\/mallorca\/wp-content\/uploads\/mapa-felanitx-900x600.jpg 900w, https:\/\/www.psib-psoe.org\/mallorca\/wp-content\/uploads\/mapa-felanitx-20x13.jpg 20w\" sizes=\"(max-width: 600px) 100vw, 600px\" \/><\/figure>\n\t\t<div class=\"blog-top\">\n\t\t\t<header class=\"post-title entry-header\">\n\t\t\t\t<aside class=\"post-meta cf\">\n\t\t03\/06\/2021 \/ <a href=\"https:\/\/www.psib-psoe.org\/mallorca\/category\/federacio-de-mallorca\/\" rel=\"category tag\">Federaci\u00f3 de Mallorca<\/a>, <a href=\"https:\/\/www.psib-psoe.org\/mallorca\/category\/municipis\/\" rel=\"category tag\">Municipis<\/a>, <a href=\"https:\/\/www.psib-psoe.org\/mallorca\/category\/portada\/\" rel=\"category tag\">Portada<\/a><\/aside>\n\t\t\t\t<h3 itemprop=\"headline\"><a href=\"https:\/\/www.psib-psoe.org\/mallorca\/els-socialistes-de-felanitx-bloc-i-unides-podem-sollicitaran-al-ple-que-sinsti-a-google-facebook-i-wikipedia-a-utilitzar-el-toponim-adequat-del-municipi\/\" title=\"Els Socialistes de Felanitx, Bloc i Unides Podem sol\u00b7licitaran al Ple que s\u2019insti a Google, Facebook i Wikipedia a utilitzar el top\u00f2nim adequat del municipi\">Els Socialistes de Felanitx, Bloc i Unides Podem sol\u00b7licitaran al Ple que s\u2019insti a Google, Facebook i Wikipedia a utilitzar el top\u00f2nim adequat del municipi<\/a><\/h3>\n\t\t\t<\/header>\n\t\t<\/div>\n\t\t<div class=\"post-content\">\n\t\t\t<a href=\"https:\/\/www.psib-psoe.org\/mallorca\/els-socialistes-de-felanitx-bloc-i-unides-podem-sollicitaran-al-ple-que-sinsti-a-google-facebook-i-wikipedia-a-utilitzar-el-toponim-adequat-del-municipi\/\" class=\"more-link\">Read More<\/a>\n\t\t<\/div>\n\t\t\t<aside class=\"post-bottom-meta hide\">\n\t\t<strong rel=\"author\" itemprop=\"author\" class=\"author vcard\"><span class=\"fn\">Socialistes de Mallorca<\/span><\/strong>\n\t\t<time class=\"date published time\" datetime=\"2021-06-03T16:03:59+02:00\" itemprop=\"datePublished\" content=\"2021-06-03T16:03:59+02:00\">03\/06\/2021<\/time>\n\t\t<meta itemprop=\"dateModified\" class=\"date updated\" content=\"2021-06-03T16:03:59+02:00\">\n\t\t<span class=\"hide\" itemprop=\"publisher\" itemscope itemtype=\"https:\/\/schema.org\/Organization\">\n\t\t\t<meta itemprop=\"name\" content=\"SocialistesdMca\">\n\t\t\t<span itemprop=\"logo\" itemscope itemtype=\"https:\/\/schema.org\/ImageObject\">\n\t\t\t\t<meta itemprop=\"url\" content=\"https:\/\/www.psib-psoe.org\/mallorca\/wp-content\/themes\/notio-wp\/assets\/img\/logo.png\">\n\t\t\t<\/span>\n\t\t\t<meta itemprop=\"url\" content=\"https:\/\/www.psib-psoe.org\/mallorca\/\">\n\t\t<\/span>\n\t\t\t\t<span class=\"hide\" itemprop=\"image\" itemscope itemtype=\"http:\/\/schema.org\/ImageObject\">\n\t\t\t<meta itemprop=\"url\" content=\"https:\/\/www.psib-psoe.org\/mallorca\/wp-content\/uploads\/mapa-felanitx.jpg\">\n\t\t\t<meta itemprop=\"width\" content=\"927\">\n\t\t\t<meta itemprop=\"height\" content=\"869\">\n\t\t<\/span>\n\t\t\t\t<meta itemscope itemprop=\"mainEntityOfPage\" itemtype=\"https:\/\/schema.org\/WebPage\" itemid=\"https:\/\/www.psib-psoe.org\/mallorca\/els-socialistes-de-felanitx-bloc-i-unides-podem-sollicitaran-al-ple-que-sinsti-a-google-facebook-i-wikipedia-a-utilitzar-el-toponim-adequat-del-municipi\/\">\n\t<\/aside>\n\t\t<\/article>\n<\/div>\n<div class=\"small-12 large-4 columns\">\n\t<article itemscope itemtype=\"http:\/\/schema.org\/Article\" class=\"post blog-style7 alt post-25942 type-post status-publish format-standard has-post-thumbnail hentry category-federacio-de-mallorca category-municipis category-portada\" role=\"article\">\n\t\t<figure class=\"post-gallery\"><img loading=\"lazy\" decoding=\"async\" width=\"600\" height=\"400\" src=\"https:\/\/www.psib-psoe.org\/mallorca\/wp-content\/uploads\/Investidura-Toni-Mir2-600x400.jpeg\" class=\"attachment-notio-general-x2 size-notio-general-x2 wp-post-image\" alt=\"\" srcset=\"https:\/\/www.psib-psoe.org\/mallorca\/wp-content\/uploads\/Investidura-Toni-Mir2-600x400.jpeg 600w, https:\/\/www.psib-psoe.org\/mallorca\/wp-content\/uploads\/Investidura-Toni-Mir2-300x200.jpeg 300w, https:\/\/www.psib-psoe.org\/mallorca\/wp-content\/uploads\/Investidura-Toni-Mir2-20x13.jpeg 20w\" sizes=\"(max-width: 600px) 100vw, 600px\" \/><\/figure>\n\t\t<div class=\"blog-top\">\n\t\t\t<header class=\"post-title entry-header\">\n\t\t\t\t<aside class=\"post-meta cf\">\n\t\t29\/05\/2021 \/ <a href=\"https:\/\/www.psib-psoe.org\/mallorca\/category\/federacio-de-mallorca\/\" rel=\"category tag\">Federaci\u00f3 de Mallorca<\/a>, <a href=\"https:\/\/www.psib-psoe.org\/mallorca\/category\/municipis\/\" rel=\"category tag\">Municipis<\/a>, <a href=\"https:\/\/www.psib-psoe.org\/mallorca\/category\/portada\/\" rel=\"category tag\">Portada<\/a><\/aside>\n\t\t\t\t<h3 itemprop=\"headline\"><a href=\"https:\/\/www.psib-psoe.org\/mallorca\/el-socialista-toni-mir-assumeix-la-batlia-dandratx\/\" title=\"El socialista Toni Mir assumeix la batlia d\u2019Andratx\">El socialista Toni Mir assumeix la batlia d\u2019Andratx<\/a><\/h3>\n\t\t\t<\/header>\n\t\t<\/div>\n\t\t<div class=\"post-content\">\n\t\t\t<a href=\"https:\/\/www.psib-psoe.org\/mallorca\/el-socialista-toni-mir-assumeix-la-batlia-dandratx\/\" class=\"more-link\">Read More<\/a>\n\t\t<\/div>\n\t\t\t<aside class=\"post-bottom-meta hide\">\n\t\t<strong rel=\"author\" itemprop=\"author\" class=\"author vcard\"><span class=\"fn\">Socialistes de Mallorca<\/span><\/strong>\n\t\t<time class=\"date published time\" datetime=\"2021-05-29T19:51:40+02:00\" itemprop=\"datePublished\" content=\"2021-05-29T19:51:40+02:00\">29\/05\/2021<\/time>\n\t\t<meta itemprop=\"dateModified\" class=\"date updated\" content=\"2021-05-29T19:53:05+02:00\">\n\t\t<span class=\"hide\" itemprop=\"publisher\" itemscope itemtype=\"https:\/\/schema.org\/Organization\">\n\t\t\t<meta itemprop=\"name\" content=\"SocialistesdMca\">\n\t\t\t<span itemprop=\"logo\" itemscope itemtype=\"https:\/\/schema.org\/ImageObject\">\n\t\t\t\t<meta itemprop=\"url\" content=\"https:\/\/www.psib-psoe.org\/mallorca\/wp-content\/themes\/notio-wp\/assets\/img\/logo.png\">\n\t\t\t<\/span>\n\t\t\t<meta itemprop=\"url\" content=\"https:\/\/www.psib-psoe.org\/mallorca\/\">\n\t\t<\/span>\n\t\t\t\t<span class=\"hide\" itemprop=\"image\" itemscope itemtype=\"http:\/\/schema.org\/ImageObject\">\n\t\t\t<meta itemprop=\"url\" content=\"https:\/\/www.psib-psoe.org\/mallorca\/wp-content\/uploads\/Investidura-Toni-Mir2.jpeg\">\n\t\t\t<meta itemprop=\"width\" content=\"881\">\n\t\t\t<meta itemprop=\"height\" content=\"1280\">\n\t\t<\/span>\n\t\t\t\t<meta itemscope itemprop=\"mainEntityOfPage\" itemtype=\"https:\/\/schema.org\/WebPage\" itemid=\"https:\/\/www.psib-psoe.org\/mallorca\/el-socialista-toni-mir-assumeix-la-batlia-dandratx\/\">\n\t<\/aside>\n\t\t<\/article>\n<\/div>\n<div class=\"small-12 large-4 columns\">\n\t<article itemscope itemtype=\"http:\/\/schema.org\/Article\" class=\"post blog-style7 alt post-25939 type-post status-publish format-standard has-post-thumbnail hentry category-federacio-de-mallorca category-municipis category-portada\" role=\"article\">\n\t\t<figure class=\"post-gallery\"><img loading=\"lazy\" decoding=\"async\" width=\"600\" height=\"400\" src=\"https:\/\/www.psib-psoe.org\/mallorca\/wp-content\/uploads\/Mallorca__negatiu-1000-600x400.png\" class=\"attachment-notio-general-x2 size-notio-general-x2 wp-post-image\" alt=\"\" srcset=\"https:\/\/www.psib-psoe.org\/mallorca\/wp-content\/uploads\/Mallorca__negatiu-1000-600x400.png 600w, https:\/\/www.psib-psoe.org\/mallorca\/wp-content\/uploads\/Mallorca__negatiu-1000-300x200.png 300w, https:\/\/www.psib-psoe.org\/mallorca\/wp-content\/uploads\/Mallorca__negatiu-1000-900x600.png 900w, https:\/\/www.psib-psoe.org\/mallorca\/wp-content\/uploads\/Mallorca__negatiu-1000-20x13.png 20w\" sizes=\"(max-width: 600px) 100vw, 600px\" \/><\/figure>\n\t\t<div class=\"blog-top\">\n\t\t\t<header class=\"post-title entry-header\">\n\t\t\t\t<aside class=\"post-meta cf\">\n\t\t28\/05\/2021 \/ <a href=\"https:\/\/www.psib-psoe.org\/mallorca\/category\/federacio-de-mallorca\/\" rel=\"category tag\">Federaci\u00f3 de Mallorca<\/a>, <a href=\"https:\/\/www.psib-psoe.org\/mallorca\/category\/municipis\/\" rel=\"category tag\">Municipis<\/a>, <a href=\"https:\/\/www.psib-psoe.org\/mallorca\/category\/portada\/\" rel=\"category tag\">Portada<\/a><\/aside>\n\t\t\t\t<h3 itemprop=\"headline\"><a href=\"https:\/\/www.psib-psoe.org\/mallorca\/la-federacio-socialista-de-mallorca-inicia-el-proces-per-a-tramitar-la-dissolucio-del-grup-socialista-de-lajuntament-de-buger\/\" title=\"La Federaci\u00f3 Socialista de Mallorca inicia el proc\u00e9s per a tramitar la dissoluci\u00f3 del grup socialista de l\u2019Ajuntament de B\u00fager\">La Federaci\u00f3 Socialista de Mallorca inicia el proc\u00e9s per a tramitar la dissoluci\u00f3 del grup socialista de l\u2019Ajuntament de B\u00fager<\/a><\/h3>\n\t\t\t<\/header>\n\t\t<\/div>\n\t\t<div class=\"post-content\">\n\t\t\t<a href=\"https:\/\/www.psib-psoe.org\/mallorca\/la-federacio-socialista-de-mallorca-inicia-el-proces-per-a-tramitar-la-dissolucio-del-grup-socialista-de-lajuntament-de-buger\/\" class=\"more-link\">Read More<\/a>\n\t\t<\/div>\n\t\t\t<aside class=\"post-bottom-meta hide\">\n\t\t<strong rel=\"author\" itemprop=\"author\" class=\"author vcard\"><span class=\"fn\">Socialistes de Mallorca<\/span><\/strong>\n\t\t<time class=\"date published time\" datetime=\"2021-05-28T11:18:57+02:00\" itemprop=\"datePublished\" content=\"2021-05-28T11:18:57+02:00\">28\/05\/2021<\/time>\n\t\t<meta itemprop=\"dateModified\" class=\"date updated\" content=\"2021-05-28T11:18:57+02:00\">\n\t\t<span class=\"hide\" itemprop=\"publisher\" itemscope itemtype=\"https:\/\/schema.org\/Organization\">\n\t\t\t<meta itemprop=\"name\" content=\"SocialistesdMca\">\n\t\t\t<span itemprop=\"logo\" itemscope itemtype=\"https:\/\/schema.org\/ImageObject\">\n\t\t\t\t<meta itemprop=\"url\" content=\"https:\/\/www.psib-psoe.org\/mallorca\/wp-content\/themes\/notio-wp\/assets\/img\/logo.png\">\n\t\t\t<\/span>\n\t\t\t<meta itemprop=\"url\" content=\"https:\/\/www.psib-psoe.org\/mallorca\/\">\n\t\t<\/span>\n\t\t\t\t<span class=\"hide\" itemprop=\"image\" itemscope itemtype=\"http:\/\/schema.org\/ImageObject\">\n\t\t\t<meta itemprop=\"url\" content=\"https:\/\/www.psib-psoe.org\/mallorca\/wp-content\/uploads\/Mallorca__negatiu-1000.png\">\n\t\t\t<meta itemprop=\"width\" content=\"1000\">\n\t\t\t<meta itemprop=\"height\" content=\"1000\">\n\t\t<\/span>\n\t\t\t\t<meta itemscope itemprop=\"mainEntityOfPage\" itemtype=\"https:\/\/schema.org\/WebPage\" itemid=\"https:\/\/www.psib-psoe.org\/mallorca\/la-federacio-socialista-de-mallorca-inicia-el-proces-per-a-tramitar-la-dissolucio-del-grup-socialista-de-lajuntament-de-buger\/\">\n\t<\/aside>\n\t\t<\/article>\n<\/div>\n<div class=\"small-12 large-4 columns\">\n\t<article itemscope itemtype=\"http:\/\/schema.org\/Article\" class=\"post blog-style7 alt post-25929 type-post status-publish format-standard has-post-thumbnail hentry category-federacio-de-mallorca category-municipis category-portada\" role=\"article\">\n\t\t<figure class=\"post-gallery\"><img loading=\"lazy\" decoding=\"async\" width=\"600\" height=\"400\" src=\"https:\/\/www.psib-psoe.org\/mallorca\/wp-content\/uploads\/parada_bus_cetre-600x400.jpeg\" class=\"attachment-notio-general-x2 size-notio-general-x2 wp-post-image\" alt=\"\" srcset=\"https:\/\/www.psib-psoe.org\/mallorca\/wp-content\/uploads\/parada_bus_cetre-600x400.jpeg 600w, https:\/\/www.psib-psoe.org\/mallorca\/wp-content\/uploads\/parada_bus_cetre-300x200.jpeg 300w, https:\/\/www.psib-psoe.org\/mallorca\/wp-content\/uploads\/parada_bus_cetre-900x600.jpeg 900w, https:\/\/www.psib-psoe.org\/mallorca\/wp-content\/uploads\/parada_bus_cetre-20x13.jpeg 20w\" sizes=\"(max-width: 600px) 100vw, 600px\" \/><\/figure>\n\t\t<div class=\"blog-top\">\n\t\t\t<header class=\"post-title entry-header\">\n\t\t\t\t<aside class=\"post-meta cf\">\n\t\t26\/05\/2021 \/ <a href=\"https:\/\/www.psib-psoe.org\/mallorca\/category\/federacio-de-mallorca\/\" rel=\"category tag\">Federaci\u00f3 de Mallorca<\/a>, <a href=\"https:\/\/www.psib-psoe.org\/mallorca\/category\/municipis\/\" rel=\"category tag\">Municipis<\/a>, <a href=\"https:\/\/www.psib-psoe.org\/mallorca\/category\/portada\/\" rel=\"category tag\">Portada<\/a><\/aside>\n\t\t\t\t<h3 itemprop=\"headline\"><a href=\"https:\/\/www.psib-psoe.org\/mallorca\/els-socialistes-de-soller-denuncien-el-mal-estat-en-el-qual-es-troben-els-parcs-infantils-i-espais-publics-del-municipi\/\" title=\"Els Socialistes de S\u00f3ller denuncien el mal estat en el qual es troben els parcs infantils i espais p\u00fablics del municipi\">Els Socialistes de S\u00f3ller denuncien el mal estat en el qual es troben els parcs infantils i espais p\u00fablics del municipi<\/a><\/h3>\n\t\t\t<\/header>\n\t\t<\/div>\n\t\t<div class=\"post-content\">\n\t\t\t<a href=\"https:\/\/www.psib-psoe.org\/mallorca\/els-socialistes-de-soller-denuncien-el-mal-estat-en-el-qual-es-troben-els-parcs-infantils-i-espais-publics-del-municipi\/\" class=\"more-link\">Read More<\/a>\n\t\t<\/div>\n\t\t\t<aside class=\"post-bottom-meta hide\">\n\t\t<strong rel=\"author\" itemprop=\"author\" class=\"author vcard\"><span class=\"fn\">Socialistes de Mallorca<\/span><\/strong>\n\t\t<time class=\"date published time\" datetime=\"2021-05-26T12:56:25+02:00\" itemprop=\"datePublished\" content=\"2021-05-26T12:56:25+02:00\">26\/05\/2021<\/time>\n\t\t<meta itemprop=\"dateModified\" class=\"date updated\" content=\"2021-05-26T12:56:25+02:00\">\n\t\t<span class=\"hide\" itemprop=\"publisher\" itemscope itemtype=\"https:\/\/schema.org\/Organization\">\n\t\t\t<meta itemprop=\"name\" content=\"SocialistesdMca\">\n\t\t\t<span itemprop=\"logo\" itemscope itemtype=\"https:\/\/schema.org\/ImageObject\">\n\t\t\t\t<meta itemprop=\"url\" content=\"https:\/\/www.psib-psoe.org\/mallorca\/wp-content\/themes\/notio-wp\/assets\/img\/logo.png\">\n\t\t\t<\/span>\n\t\t\t<meta itemprop=\"url\" content=\"https:\/\/www.psib-psoe.org\/mallorca\/\">\n\t\t<\/span>\n\t\t\t\t<span class=\"hide\" itemprop=\"image\" itemscope itemtype=\"http:\/\/schema.org\/ImageObject\">\n\t\t\t<meta itemprop=\"url\" content=\"https:\/\/www.psib-psoe.org\/mallorca\/wp-content\/uploads\/parada_bus_cetre.jpeg\">\n\t\t\t<meta itemprop=\"width\" content=\"1600\">\n\t\t\t<meta itemprop=\"height\" content=\"1200\">\n\t\t<\/span>\n\t\t\t\t<meta itemscope itemprop=\"mainEntityOfPage\" itemtype=\"https:\/\/schema.org\/WebPage\" itemid=\"https:\/\/www.psib-psoe.org\/mallorca\/els-socialistes-de-soller-denuncien-el-mal-estat-en-el-qual-es-troben-els-parcs-infantils-i-espais-publics-del-municipi\/\">\n\t<\/aside>\n\t\t<\/article>\n<\/div>\n<div class=\"small-12 large-4 columns\">\n\t<article itemscope itemtype=\"http:\/\/schema.org\/Article\" class=\"post blog-style7 alt post-25924 type-post status-publish format-standard has-post-thumbnail hentry category-federacio-de-mallorca category-municipis category-portada\" role=\"article\">\n\t\t<figure class=\"post-gallery\"><img loading=\"lazy\" decoding=\"async\" width=\"600\" height=\"400\" src=\"https:\/\/www.psib-psoe.org\/mallorca\/wp-content\/uploads\/Xisco-Duarte-Casa-Cultura-Felanitx-600x400.jpeg\" class=\"attachment-notio-general-x2 size-notio-general-x2 wp-post-image\" alt=\"\" srcset=\"https:\/\/www.psib-psoe.org\/mallorca\/wp-content\/uploads\/Xisco-Duarte-Casa-Cultura-Felanitx-600x400.jpeg 600w, https:\/\/www.psib-psoe.org\/mallorca\/wp-content\/uploads\/Xisco-Duarte-Casa-Cultura-Felanitx-300x200.jpeg 300w, https:\/\/www.psib-psoe.org\/mallorca\/wp-content\/uploads\/Xisco-Duarte-Casa-Cultura-Felanitx-900x600.jpeg 900w, https:\/\/www.psib-psoe.org\/mallorca\/wp-content\/uploads\/Xisco-Duarte-Casa-Cultura-Felanitx-20x13.jpeg 20w\" sizes=\"(max-width: 600px) 100vw, 600px\" \/><\/figure>\n\t\t<div class=\"blog-top\">\n\t\t\t<header class=\"post-title entry-header\">\n\t\t\t\t<aside class=\"post-meta cf\">\n\t\t18\/05\/2021 \/ <a href=\"https:\/\/www.psib-psoe.org\/mallorca\/category\/federacio-de-mallorca\/\" rel=\"category tag\">Federaci\u00f3 de Mallorca<\/a>, <a href=\"https:\/\/www.psib-psoe.org\/mallorca\/category\/municipis\/\" rel=\"category tag\">Municipis<\/a>, <a href=\"https:\/\/www.psib-psoe.org\/mallorca\/category\/portada\/\" rel=\"category tag\">Portada<\/a><\/aside>\n\t\t\t\t<h3 itemprop=\"headline\"><a href=\"https:\/\/www.psib-psoe.org\/mallorca\/els-socialistes-de-felanitx-denuncien-la-falta-de-suport-de-lajuntament-al-sector-artistic-i-cultural-del-municipi\/\" title=\"Els Socialistes de Felanitx denuncien la falta de suport de l\u2019Ajuntament al sector art\u00edstic i cultural del municipi\">Els Socialistes de Felanitx denuncien la falta de suport de l\u2019Ajuntament al sector art\u00edstic i cultural del municipi<\/a><\/h3>\n\t\t\t<\/header>\n\t\t<\/div>\n\t\t<div class=\"post-content\">\n\t\t\t<a href=\"https:\/\/www.psib-psoe.org\/mallorca\/els-socialistes-de-felanitx-denuncien-la-falta-de-suport-de-lajuntament-al-sector-artistic-i-cultural-del-municipi\/\" class=\"more-link\">Read More<\/a>\n\t\t<\/div>\n\t\t\t<aside class=\"post-bottom-meta hide\">\n\t\t<strong rel=\"author\" itemprop=\"author\" class=\"author vcard\"><span class=\"fn\">Socialistes de Mallorca<\/span><\/strong>\n\t\t<time class=\"date published time\" datetime=\"2021-05-18T11:02:26+02:00\" itemprop=\"datePublished\" content=\"2021-05-18T11:02:26+02:00\">18\/05\/2021<\/time>\n\t\t<meta itemprop=\"dateModified\" class=\"date updated\" content=\"2021-05-18T11:02:26+02:00\">\n\t\t<span class=\"hide\" itemprop=\"publisher\" itemscope itemtype=\"https:\/\/schema.org\/Organization\">\n\t\t\t<meta itemprop=\"name\" content=\"SocialistesdMca\">\n\t\t\t<span itemprop=\"logo\" itemscope itemtype=\"https:\/\/schema.org\/ImageObject\">\n\t\t\t\t<meta itemprop=\"url\" content=\"https:\/\/www.psib-psoe.org\/mallorca\/wp-content\/themes\/notio-wp\/assets\/img\/logo.png\">\n\t\t\t<\/span>\n\t\t\t<meta itemprop=\"url\" content=\"https:\/\/www.psib-psoe.org\/mallorca\/\">\n\t\t<\/span>\n\t\t\t\t<span class=\"hide\" itemprop=\"image\" itemscope itemtype=\"http:\/\/schema.org\/ImageObject\">\n\t\t\t<meta itemprop=\"url\" content=\"https:\/\/www.psib-psoe.org\/mallorca\/wp-content\/uploads\/Xisco-Duarte-Casa-Cultura-Felanitx.jpeg\">\n\t\t\t<meta itemprop=\"width\" content=\"1367\">\n\t\t\t<meta itemprop=\"height\" content=\"1841\">\n\t\t<\/span>\n\t\t\t\t<meta itemscope itemprop=\"mainEntityOfPage\" itemtype=\"https:\/\/schema.org\/WebPage\" itemid=\"https:\/\/www.psib-psoe.org\/mallorca\/els-socialistes-de-felanitx-denuncien-la-falta-de-suport-de-lajuntament-al-sector-artistic-i-cultural-del-municipi\/\">\n\t<\/aside>\n\t\t<\/article>\n<\/div>\n<div class=\"small-12 large-4 columns\">\n\t<article itemscope itemtype=\"http:\/\/schema.org\/Article\" class=\"post blog-style7 alt post-25920 type-post status-publish format-standard has-post-thumbnail hentry category-federacio-de-mallorca category-portada\" role=\"article\">\n\t\t<figure class=\"post-gallery\"><img loading=\"lazy\" decoding=\"async\" width=\"600\" height=\"400\" src=\"https:\/\/www.psib-psoe.org\/mallorca\/wp-content\/uploads\/210517-comissi\u00f3-executiva-FSM-600x400.jpg\" class=\"attachment-notio-general-x2 size-notio-general-x2 wp-post-image\" alt=\"\" srcset=\"https:\/\/www.psib-psoe.org\/mallorca\/wp-content\/uploads\/210517-comissi\u00f3-executiva-FSM-600x400.jpg 600w, https:\/\/www.psib-psoe.org\/mallorca\/wp-content\/uploads\/210517-comissi\u00f3-executiva-FSM-300x200.jpg 300w, https:\/\/www.psib-psoe.org\/mallorca\/wp-content\/uploads\/210517-comissi\u00f3-executiva-FSM-900x600.jpg 900w, https:\/\/www.psib-psoe.org\/mallorca\/wp-content\/uploads\/210517-comissi\u00f3-executiva-FSM-20x13.jpg 20w\" sizes=\"(max-width: 600px) 100vw, 600px\" \/><\/figure>\n\t\t<div class=\"blog-top\">\n\t\t\t<header class=\"post-title entry-header\">\n\t\t\t\t<aside class=\"post-meta cf\">\n\t\t17\/05\/2021 \/ <a href=\"https:\/\/www.psib-psoe.org\/mallorca\/category\/federacio-de-mallorca\/\" rel=\"category tag\">Federaci\u00f3 de Mallorca<\/a>, <a href=\"https:\/\/www.psib-psoe.org\/mallorca\/category\/portada\/\" rel=\"category tag\">Portada<\/a><\/aside>\n\t\t\t\t<h3 itemprop=\"headline\"><a href=\"https:\/\/www.psib-psoe.org\/mallorca\/els-socialistes-de-mallorca-reafirmen-el-suport-a-les-mesures-per-controlar-la-pandemia-i-afavorir-una-obertura-com-a-destinacio-segura\/\" title=\"Els Socialistes de Mallorca reafirmen el suport a les mesures per controlar la pand\u00e8mia i afavorir una obertura com a destinaci\u00f3 segura\">Els Socialistes de Mallorca reafirmen el suport a les mesures per controlar la pand\u00e8mia i afavorir una obertura com a destinaci\u00f3 segura<\/a><\/h3>\n\t\t\t<\/header>\n\t\t<\/div>\n\t\t<div class=\"post-content\">\n\t\t\t<a href=\"https:\/\/www.psib-psoe.org\/mallorca\/els-socialistes-de-mallorca-reafirmen-el-suport-a-les-mesures-per-controlar-la-pandemia-i-afavorir-una-obertura-com-a-destinacio-segura\/\" class=\"more-link\">Read More<\/a>\n\t\t<\/div>\n\t\t\t<aside class=\"post-bottom-meta hide\">\n\t\t<strong rel=\"author\" itemprop=\"author\" class=\"author vcard\"><span class=\"fn\">Socialistes de Mallorca<\/span><\/strong>\n\t\t<time class=\"date published time\" datetime=\"2021-05-17T19:24:35+02:00\" itemprop=\"datePublished\" content=\"2021-05-17T19:24:35+02:00\">17\/05\/2021<\/time>\n\t\t<meta itemprop=\"dateModified\" class=\"date updated\" content=\"2021-05-19T10:09:44+02:00\">\n\t\t<span class=\"hide\" itemprop=\"publisher\" itemscope itemtype=\"https:\/\/schema.org\/Organization\">\n\t\t\t<meta itemprop=\"name\" content=\"SocialistesdMca\">\n\t\t\t<span itemprop=\"logo\" itemscope itemtype=\"https:\/\/schema.org\/ImageObject\">\n\t\t\t\t<meta itemprop=\"url\" content=\"https:\/\/www.psib-psoe.org\/mallorca\/wp-content\/themes\/notio-wp\/assets\/img\/logo.png\">\n\t\t\t<\/span>\n\t\t\t<meta itemprop=\"url\" content=\"https:\/\/www.psib-psoe.org\/mallorca\/\">\n\t\t<\/span>\n\t\t\t\t<span class=\"hide\" itemprop=\"image\" itemscope itemtype=\"http:\/\/schema.org\/ImageObject\">\n\t\t\t<meta itemprop=\"url\" content=\"https:\/\/www.psib-psoe.org\/mallorca\/wp-content\/uploads\/210517-comissi\u00f3-executiva-FSM.jpg\">\n\t\t\t<meta itemprop=\"width\" content=\"4032\">\n\t\t\t<meta itemprop=\"height\" content=\"3024\">\n\t\t<\/span>\n\t\t\t\t<meta itemscope itemprop=\"mainEntityOfPage\" itemtype=\"https:\/\/schema.org\/WebPage\" itemid=\"https:\/\/www.psib-psoe.org\/mallorca\/els-socialistes-de-mallorca-reafirmen-el-suport-a-les-mesures-per-controlar-la-pandemia-i-afavorir-una-obertura-com-a-destinacio-segura\/\">\n\t<\/aside>\n\t\t<\/article>\n<\/div>\n<div class=\"small-12 large-4 columns\">\n\t<article itemscope itemtype=\"http:\/\/schema.org\/Article\" class=\"post blog-style7 alt post-25915 type-post status-publish format-standard has-post-thumbnail hentry category-consell-de-mallorca category-federacio-de-mallorca category-portada\" role=\"article\">\n\t\t<figure class=\"post-gallery\"><img loading=\"lazy\" decoding=\"async\" width=\"600\" height=\"400\" src=\"https:\/\/www.psib-psoe.org\/mallorca\/wp-content\/uploads\/ple-Consell-13maig-600x400.jpeg\" class=\"attachment-notio-general-x2 size-notio-general-x2 wp-post-image\" alt=\"\" srcset=\"https:\/\/www.psib-psoe.org\/mallorca\/wp-content\/uploads\/ple-Consell-13maig-600x400.jpeg 600w, https:\/\/www.psib-psoe.org\/mallorca\/wp-content\/uploads\/ple-Consell-13maig-300x200.jpeg 300w, https:\/\/www.psib-psoe.org\/mallorca\/wp-content\/uploads\/ple-Consell-13maig-900x600.jpeg 900w, https:\/\/www.psib-psoe.org\/mallorca\/wp-content\/uploads\/ple-Consell-13maig-20x13.jpeg 20w\" sizes=\"(max-width: 600px) 100vw, 600px\" \/><\/figure>\n\t\t<div class=\"blog-top\">\n\t\t\t<header class=\"post-title entry-header\">\n\t\t\t\t<aside class=\"post-meta cf\">\n\t\t13\/05\/2021 \/ <a href=\"https:\/\/www.psib-psoe.org\/mallorca\/category\/consell-de-mallorca\/\" rel=\"category tag\">Consell de Mallorca<\/a>, <a href=\"https:\/\/www.psib-psoe.org\/mallorca\/category\/federacio-de-mallorca\/\" rel=\"category tag\">Federaci\u00f3 de Mallorca<\/a>, <a href=\"https:\/\/www.psib-psoe.org\/mallorca\/category\/portada\/\" rel=\"category tag\">Portada<\/a><\/aside>\n\t\t\t\t<h3 itemprop=\"headline\"><a href=\"https:\/\/www.psib-psoe.org\/mallorca\/el-consell-de-mallorca-atorga-200-mil-euros-a-creu-roja-i-banc-daliments-per-financar-la-distribucio-de-productes-basics-a-mallorca\/\" title=\"El Consell de Mallorca atorga 200 mil euros a Creu Roja i Banc d&#8217;Aliments per finan\u00e7ar la distribuci\u00f3 de productes b\u00e0sics a Mallorca\">El Consell de Mallorca atorga 200 mil euros a Creu Roja i Banc d&#8217;Aliments per finan\u00e7ar la distribuci\u00f3 de productes b\u00e0sics a Mallorca<\/a><\/h3>\n\t\t\t<\/header>\n\t\t<\/div>\n\t\t<div class=\"post-content\">\n\t\t\t<a href=\"https:\/\/www.psib-psoe.org\/mallorca\/el-consell-de-mallorca-atorga-200-mil-euros-a-creu-roja-i-banc-daliments-per-financar-la-distribucio-de-productes-basics-a-mallorca\/\" class=\"more-link\">Read More<\/a>\n\t\t<\/div>\n\t\t\t<aside class=\"post-bottom-meta hide\">\n\t\t<strong rel=\"author\" itemprop=\"author\" class=\"author vcard\"><span class=\"fn\">Socialistes de Mallorca<\/span><\/strong>\n\t\t<time class=\"date published time\" datetime=\"2021-05-13T17:18:08+02:00\" itemprop=\"datePublished\" content=\"2021-05-13T17:18:08+02:00\">13\/05\/2021<\/time>\n\t\t<meta itemprop=\"dateModified\" class=\"date updated\" content=\"2021-05-13T17:18:08+02:00\">\n\t\t<span class=\"hide\" itemprop=\"publisher\" itemscope itemtype=\"https:\/\/schema.org\/Organization\">\n\t\t\t<meta itemprop=\"name\" content=\"SocialistesdMca\">\n\t\t\t<span itemprop=\"logo\" itemscope itemtype=\"https:\/\/schema.org\/ImageObject\">\n\t\t\t\t<meta itemprop=\"url\" content=\"https:\/\/www.psib-psoe.org\/mallorca\/wp-content\/themes\/notio-wp\/assets\/img\/logo.png\">\n\t\t\t<\/span>\n\t\t\t<meta itemprop=\"url\" content=\"https:\/\/www.psib-psoe.org\/mallorca\/\">\n\t\t<\/span>\n\t\t\t\t<span class=\"hide\" itemprop=\"image\" itemscope itemtype=\"http:\/\/schema.org\/ImageObject\">\n\t\t\t<meta itemprop=\"url\" content=\"https:\/\/www.psib-psoe.org\/mallorca\/wp-content\/uploads\/ple-Consell-13maig.jpeg\">\n\t\t\t<meta itemprop=\"width\" content=\"1280\">\n\t\t\t<meta itemprop=\"height\" content=\"960\">\n\t\t<\/span>\n\t\t\t\t<meta itemscope itemprop=\"mainEntityOfPage\" itemtype=\"https:\/\/schema.org\/WebPage\" itemid=\"https:\/\/www.psib-psoe.org\/mallorca\/el-consell-de-mallorca-atorga-200-mil-euros-a-creu-roja-i-banc-daliments-per-financar-la-distribucio-de-productes-basics-a-mallorca\/\">\n\t<\/aside>\n\t\t<\/article>\n<\/div>\n<div class=\"small-12 large-4 columns\">\n\t<article itemscope itemtype=\"http:\/\/schema.org\/Article\" class=\"post blog-style7 alt post-25913 type-post status-publish format-standard has-post-thumbnail hentry category-federacio-de-mallorca category-municipis category-portada\" role=\"article\">\n\t\t<figure class=\"post-gallery\"><img loading=\"lazy\" decoding=\"async\" width=\"600\" height=\"400\" src=\"https:\/\/www.psib-psoe.org\/mallorca\/wp-content\/uploads\/xisco-duarte-600x400.jpeg\" class=\"attachment-notio-general-x2 size-notio-general-x2 wp-post-image\" alt=\"\" srcset=\"https:\/\/www.psib-psoe.org\/mallorca\/wp-content\/uploads\/xisco-duarte-600x400.jpeg 600w, https:\/\/www.psib-psoe.org\/mallorca\/wp-content\/uploads\/xisco-duarte-300x200.jpeg 300w, https:\/\/www.psib-psoe.org\/mallorca\/wp-content\/uploads\/xisco-duarte-900x600.jpeg 900w, https:\/\/www.psib-psoe.org\/mallorca\/wp-content\/uploads\/xisco-duarte-20x13.jpeg 20w\" sizes=\"(max-width: 600px) 100vw, 600px\" \/><\/figure>\n\t\t<div class=\"blog-top\">\n\t\t\t<header class=\"post-title entry-header\">\n\t\t\t\t<aside class=\"post-meta cf\">\n\t\t12\/05\/2021 \/ <a href=\"https:\/\/www.psib-psoe.org\/mallorca\/category\/federacio-de-mallorca\/\" rel=\"category tag\">Federaci\u00f3 de Mallorca<\/a>, <a href=\"https:\/\/www.psib-psoe.org\/mallorca\/category\/municipis\/\" rel=\"category tag\">Municipis<\/a>, <a href=\"https:\/\/www.psib-psoe.org\/mallorca\/category\/portada\/\" rel=\"category tag\">Portada<\/a><\/aside>\n\t\t\t\t<h3 itemprop=\"headline\"><a href=\"https:\/\/www.psib-psoe.org\/mallorca\/els-i-les-socialistes-de-felanitx-denuncien-la-poca-sensibilitat-i-compromis-de-lequip-de-govern-municipal-davant-el-benestar-animal\/\" title=\"Els i les Socialistes de Felanitx denuncien la poca sensibilitat i comprom\u00eds de l&#8217;equip de govern municipal davant el benestar animal\">Els i les Socialistes de Felanitx denuncien la poca sensibilitat i comprom\u00eds de l&#8217;equip de govern municipal davant el benestar animal<\/a><\/h3>\n\t\t\t<\/header>\n\t\t<\/div>\n\t\t<div class=\"post-content\">\n\t\t\t<a href=\"https:\/\/www.psib-psoe.org\/mallorca\/els-i-les-socialistes-de-felanitx-denuncien-la-poca-sensibilitat-i-compromis-de-lequip-de-govern-municipal-davant-el-benestar-animal\/\" class=\"more-link\">Read More<\/a>\n\t\t<\/div>\n\t\t\t<aside class=\"post-bottom-meta hide\">\n\t\t<strong rel=\"author\" itemprop=\"author\" class=\"author vcard\"><span class=\"fn\">Socialistes de Mallorca<\/span><\/strong>\n\t\t<time class=\"date published time\" datetime=\"2021-05-12T14:40:32+02:00\" itemprop=\"datePublished\" content=\"2021-05-12T14:40:32+02:00\">12\/05\/2021<\/time>\n\t\t<meta itemprop=\"dateModified\" class=\"date updated\" content=\"2021-05-12T14:40:32+02:00\">\n\t\t<span class=\"hide\" itemprop=\"publisher\" itemscope itemtype=\"https:\/\/schema.org\/Organization\">\n\t\t\t<meta itemprop=\"name\" content=\"SocialistesdMca\">\n\t\t\t<span itemprop=\"logo\" itemscope itemtype=\"https:\/\/schema.org\/ImageObject\">\n\t\t\t\t<meta itemprop=\"url\" content=\"https:\/\/www.psib-psoe.org\/mallorca\/wp-content\/themes\/notio-wp\/assets\/img\/logo.png\">\n\t\t\t<\/span>\n\t\t\t<meta itemprop=\"url\" content=\"https:\/\/www.psib-psoe.org\/mallorca\/\">\n\t\t<\/span>\n\t\t\t\t<span class=\"hide\" itemprop=\"image\" itemscope itemtype=\"http:\/\/schema.org\/ImageObject\">\n\t\t\t<meta itemprop=\"url\" content=\"https:\/\/www.psib-psoe.org\/mallorca\/wp-content\/uploads\/xisco-duarte.jpeg\">\n\t\t\t<meta itemprop=\"width\" content=\"1600\">\n\t\t\t<meta itemprop=\"height\" content=\"1199\">\n\t\t<\/span>\n\t\t\t\t<meta itemscope itemprop=\"mainEntityOfPage\" itemtype=\"https:\/\/schema.org\/WebPage\" itemid=\"https:\/\/www.psib-psoe.org\/mallorca\/els-i-les-socialistes-de-felanitx-denuncien-la-poca-sensibilitat-i-compromis-de-lequip-de-govern-municipal-davant-el-benestar-animal\/\">\n\t<\/aside>\n\t\t<\/article>\n<\/div>\n<div class=\"small-12 large-4 columns\">\n\t<article itemscope itemtype=\"http:\/\/schema.org\/Article\" class=\"post blog-style7 alt post-25905 type-post status-publish format-standard has-post-thumbnail hentry category-federacio-de-mallorca category-municipis category-portada\" role=\"article\">\n\t\t<figure class=\"post-gallery\"><img loading=\"lazy\" decoding=\"async\" width=\"600\" height=\"400\" src=\"https:\/\/www.psib-psoe.org\/mallorca\/wp-content\/uploads\/Jaume-Mateu-Soller-600x400.jpg\" class=\"attachment-notio-general-x2 size-notio-general-x2 wp-post-image\" alt=\"\" srcset=\"https:\/\/www.psib-psoe.org\/mallorca\/wp-content\/uploads\/Jaume-Mateu-Soller-600x400.jpg 600w, https:\/\/www.psib-psoe.org\/mallorca\/wp-content\/uploads\/Jaume-Mateu-Soller-300x200.jpg 300w, https:\/\/www.psib-psoe.org\/mallorca\/wp-content\/uploads\/Jaume-Mateu-Soller-768x511.jpg 768w, https:\/\/www.psib-psoe.org\/mallorca\/wp-content\/uploads\/Jaume-Mateu-Soller-150x100.jpg 150w, https:\/\/www.psib-psoe.org\/mallorca\/wp-content\/uploads\/Jaume-Mateu-Soller-900x600.jpg 900w, https:\/\/www.psib-psoe.org\/mallorca\/wp-content\/uploads\/Jaume-Mateu-Soller-20x13.jpg 20w, https:\/\/www.psib-psoe.org\/mallorca\/wp-content\/uploads\/Jaume-Mateu-Soller.jpg 1000w\" sizes=\"(max-width: 600px) 100vw, 600px\" \/><\/figure>\n\t\t<div class=\"blog-top\">\n\t\t\t<header class=\"post-title entry-header\">\n\t\t\t\t<aside class=\"post-meta cf\">\n\t\t11\/05\/2021 \/ <a href=\"https:\/\/www.psib-psoe.org\/mallorca\/category\/federacio-de-mallorca\/\" rel=\"category tag\">Federaci\u00f3 de Mallorca<\/a>, <a href=\"https:\/\/www.psib-psoe.org\/mallorca\/category\/municipis\/\" rel=\"category tag\">Municipis<\/a>, <a href=\"https:\/\/www.psib-psoe.org\/mallorca\/category\/portada\/\" rel=\"category tag\">Portada<\/a><\/aside>\n\t\t\t\t<h3 itemprop=\"headline\"><a href=\"https:\/\/www.psib-psoe.org\/mallorca\/soller-treballara-per-recuperar-la-gestio-publica-de-laigua-gracies-a-la-iniciativa-de-lagrupacio-socialista\/\" title=\"S\u00f3ller treballar\u00e0 per recuperar la gesti\u00f3 p\u00fablica de l\u2019aigua gr\u00e0cies a la iniciativa de l\u2019agrupaci\u00f3 socialista\">S\u00f3ller treballar\u00e0 per recuperar la gesti\u00f3 p\u00fablica de l\u2019aigua gr\u00e0cies a la iniciativa de l\u2019agrupaci\u00f3 socialista<\/a><\/h3>\n\t\t\t<\/header>\n\t\t<\/div>\n\t\t<div class=\"post-content\">\n\t\t\t<a href=\"https:\/\/www.psib-psoe.org\/mallorca\/soller-treballara-per-recuperar-la-gestio-publica-de-laigua-gracies-a-la-iniciativa-de-lagrupacio-socialista\/\" class=\"more-link\">Read More<\/a>\n\t\t<\/div>\n\t\t\t<aside class=\"post-bottom-meta hide\">\n\t\t<strong rel=\"author\" itemprop=\"author\" class=\"author vcard\"><span class=\"fn\">Socialistes de Mallorca<\/span><\/strong>\n\t\t<time class=\"date published time\" datetime=\"2021-05-11T17:56:17+02:00\" itemprop=\"datePublished\" content=\"2021-05-11T17:56:17+02:00\">11\/05\/2021<\/time>\n\t\t<meta itemprop=\"dateModified\" class=\"date updated\" content=\"2021-05-11T17:59:59+02:00\">\n\t\t<span class=\"hide\" itemprop=\"publisher\" itemscope itemtype=\"https:\/\/schema.org\/Organization\">\n\t\t\t<meta itemprop=\"name\" content=\"SocialistesdMca\">\n\t\t\t<span itemprop=\"logo\" itemscope itemtype=\"https:\/\/schema.org\/ImageObject\">\n\t\t\t\t<meta itemprop=\"url\" content=\"https:\/\/www.psib-psoe.org\/mallorca\/wp-content\/themes\/notio-wp\/assets\/img\/logo.png\">\n\t\t\t<\/span>\n\t\t\t<meta itemprop=\"url\" content=\"https:\/\/www.psib-psoe.org\/mallorca\/\">\n\t\t<\/span>\n\t\t\t\t<span class=\"hide\" itemprop=\"image\" itemscope itemtype=\"http:\/\/schema.org\/ImageObject\">\n\t\t\t<meta itemprop=\"url\" content=\"https:\/\/www.psib-psoe.org\/mallorca\/wp-content\/uploads\/Jaume-Mateu-Soller.jpg\">\n\t\t\t<meta itemprop=\"width\" content=\"1000\">\n\t\t\t<meta itemprop=\"height\" content=\"666\">\n\t\t<\/span>\n\t\t\t\t<meta itemscope itemprop=\"mainEntityOfPage\" itemtype=\"https:\/\/schema.org\/WebPage\" itemid=\"https:\/\/www.psib-psoe.org\/mallorca\/soller-treballara-per-recuperar-la-gestio-publica-de-laigua-gracies-a-la-iniciativa-de-lagrupacio-socialista\/\">\n\t<\/aside>\n\t\t<\/article>\n<\/div>\n<div class=\"small-12 large-4 columns\">\n\t<article itemscope itemtype=\"http:\/\/schema.org\/Article\" class=\"post blog-style7 alt post-25902 type-post status-publish format-standard has-post-thumbnail hentry category-federacio-de-mallorca category-portada tag-federacio-socialista-de-mallorca\" role=\"article\">\n\t\t<figure class=\"post-gallery\"><img loading=\"lazy\" decoding=\"async\" width=\"600\" height=\"400\" src=\"https:\/\/www.psib-psoe.org\/mallorca\/wp-content\/uploads\/Senador-socialista-per-Mallorca-Cosme-Bonet-600x400.png\" class=\"attachment-notio-general-x2 size-notio-general-x2 wp-post-image\" alt=\"\" srcset=\"https:\/\/www.psib-psoe.org\/mallorca\/wp-content\/uploads\/Senador-socialista-per-Mallorca-Cosme-Bonet-600x400.png 600w, https:\/\/www.psib-psoe.org\/mallorca\/wp-content\/uploads\/Senador-socialista-per-Mallorca-Cosme-Bonet-300x200.png 300w, https:\/\/www.psib-psoe.org\/mallorca\/wp-content\/uploads\/Senador-socialista-per-Mallorca-Cosme-Bonet-150x101.png 150w, https:\/\/www.psib-psoe.org\/mallorca\/wp-content\/uploads\/Senador-socialista-per-Mallorca-Cosme-Bonet-20x13.png 20w\" sizes=\"(max-width: 600px) 100vw, 600px\" \/><\/figure>\n\t\t<div class=\"blog-top\">\n\t\t\t<header class=\"post-title entry-header\">\n\t\t\t\t<aside class=\"post-meta cf\">\n\t\t06\/05\/2021 \/ <a href=\"https:\/\/www.psib-psoe.org\/mallorca\/category\/federacio-de-mallorca\/\" rel=\"category tag\">Federaci\u00f3 de Mallorca<\/a>, <a href=\"https:\/\/www.psib-psoe.org\/mallorca\/category\/portada\/\" rel=\"category tag\">Portada<\/a><\/aside>\n\t\t\t\t<h3 itemprop=\"headline\"><a href=\"https:\/\/www.psib-psoe.org\/mallorca\/el-senat-a-instancia-del-grup-socialista-ha-aprovat-accelerar-els-tramits-per-suprimir-la-regla-de-minimis-al-transport-de-mercaderies-de-les-illes-balears\/\" title=\"El Senat, a inst\u00e0ncia del Grup Socialista, ha aprovat accelerar els tr\u00e0mits per suprimir la regla de minimis al transport de mercaderies de les Illes Balears\">El Senat, a inst\u00e0ncia del Grup Socialista, ha aprovat accelerar els tr\u00e0mits per suprimir la regla de minimis al transport de mercaderies de les Illes Balears<\/a><\/h3>\n\t\t\t<\/header>\n\t\t<\/div>\n\t\t<div class=\"post-content\">\n\t\t\t<a href=\"https:\/\/www.psib-psoe.org\/mallorca\/el-senat-a-instancia-del-grup-socialista-ha-aprovat-accelerar-els-tramits-per-suprimir-la-regla-de-minimis-al-transport-de-mercaderies-de-les-illes-balears\/\" class=\"more-link\">Read More<\/a>\n\t\t<\/div>\n\t\t\t<aside class=\"post-bottom-meta hide\">\n\t\t<strong rel=\"author\" itemprop=\"author\" class=\"author vcard\"><span class=\"fn\">adminpsib<\/span><\/strong>\n\t\t<time class=\"date published time\" datetime=\"2021-05-06T16:17:04+02:00\" itemprop=\"datePublished\" content=\"2021-05-06T16:17:04+02:00\">06\/05\/2021<\/time>\n\t\t<meta itemprop=\"dateModified\" class=\"date updated\" content=\"2021-05-06T16:22:41+02:00\">\n\t\t<span class=\"hide\" itemprop=\"publisher\" itemscope itemtype=\"https:\/\/schema.org\/Organization\">\n\t\t\t<meta itemprop=\"name\" content=\"SocialistesdMca\">\n\t\t\t<span itemprop=\"logo\" itemscope itemtype=\"https:\/\/schema.org\/ImageObject\">\n\t\t\t\t<meta itemprop=\"url\" content=\"https:\/\/www.psib-psoe.org\/mallorca\/wp-content\/themes\/notio-wp\/assets\/img\/logo.png\">\n\t\t\t<\/span>\n\t\t\t<meta itemprop=\"url\" content=\"https:\/\/www.psib-psoe.org\/mallorca\/\">\n\t\t<\/span>\n\t\t\t\t<span class=\"hide\" itemprop=\"image\" itemscope itemtype=\"http:\/\/schema.org\/ImageObject\">\n\t\t\t<meta itemprop=\"url\" content=\"https:\/\/www.psib-psoe.org\/mallorca\/wp-content\/uploads\/Senador-socialista-per-Mallorca-Cosme-Bonet.png\">\n\t\t\t<meta itemprop=\"width\" content=\"831\">\n\t\t\t<meta itemprop=\"height\" content=\"560\">\n\t\t<\/span>\n\t\t\t\t<meta itemscope itemprop=\"mainEntityOfPage\" itemtype=\"https:\/\/schema.org\/WebPage\" itemid=\"https:\/\/www.psib-psoe.org\/mallorca\/el-senat-a-instancia-del-grup-socialista-ha-aprovat-accelerar-els-tramits-per-suprimir-la-regla-de-minimis-al-transport-de-mercaderies-de-les-illes-balears\/\">\n\t<\/aside>\n\t\t<\/article>\n<\/div>\n<div class=\"small-12 large-4 columns\">\n\t<article itemscope itemtype=\"http:\/\/schema.org\/Article\" class=\"post blog-style7 alt post-25897 type-post status-publish format-standard has-post-thumbnail hentry category-federacio-de-mallorca category-municipis category-portada\" role=\"article\">\n\t\t<figure class=\"post-gallery\"><img loading=\"lazy\" decoding=\"async\" width=\"600\" height=\"400\" src=\"https:\/\/www.psib-psoe.org\/mallorca\/wp-content\/uploads\/Socialistes-de-So\u0301ller-1-600x400.jpg\" class=\"attachment-notio-general-x2 size-notio-general-x2 wp-post-image\" alt=\"\" srcset=\"https:\/\/www.psib-psoe.org\/mallorca\/wp-content\/uploads\/Socialistes-de-So\u0301ller-1-600x400.jpg 600w, https:\/\/www.psib-psoe.org\/mallorca\/wp-content\/uploads\/Socialistes-de-So\u0301ller-1-300x200.jpg 300w, https:\/\/www.psib-psoe.org\/mallorca\/wp-content\/uploads\/Socialistes-de-So\u0301ller-1-900x600.jpg 900w, https:\/\/www.psib-psoe.org\/mallorca\/wp-content\/uploads\/Socialistes-de-So\u0301ller-1-20x13.jpg 20w\" sizes=\"(max-width: 600px) 100vw, 600px\" \/><\/figure>\n\t\t<div class=\"blog-top\">\n\t\t\t<header class=\"post-title entry-header\">\n\t\t\t\t<aside class=\"post-meta cf\">\n\t\t05\/05\/2021 \/ <a href=\"https:\/\/www.psib-psoe.org\/mallorca\/category\/federacio-de-mallorca\/\" rel=\"category tag\">Federaci\u00f3 de Mallorca<\/a>, <a href=\"https:\/\/www.psib-psoe.org\/mallorca\/category\/municipis\/\" rel=\"category tag\">Municipis<\/a>, <a href=\"https:\/\/www.psib-psoe.org\/mallorca\/category\/portada\/\" rel=\"category tag\">Portada<\/a><\/aside>\n\t\t\t\t<h3 itemprop=\"headline\"><a href=\"https:\/\/www.psib-psoe.org\/mallorca\/els-i-les-socialistes-de-soller-solliciten-a-lequip-de-govern-que-recuperi-la-gestio-publica-de-laigua-i-no-torni-a-renovar-el-contracte-de-concessio-vigent\/\" title=\"Els i les socialistes de S\u00f3ller sol\u00b7liciten a l\u2019equip de govern que recuperi la gesti\u00f3 p\u00fablica de l\u2019aigua i no torni a renovar el contracte de concessi\u00f3 vigent\">Els i les socialistes de S\u00f3ller sol\u00b7liciten a l\u2019equip de govern que recuperi la gesti\u00f3 p\u00fablica de l\u2019aigua i no torni a renovar el contracte de concessi\u00f3 vigent<\/a><\/h3>\n\t\t\t<\/header>\n\t\t<\/div>\n\t\t<div class=\"post-content\">\n\t\t\t<a href=\"https:\/\/www.psib-psoe.org\/mallorca\/els-i-les-socialistes-de-soller-solliciten-a-lequip-de-govern-que-recuperi-la-gestio-publica-de-laigua-i-no-torni-a-renovar-el-contracte-de-concessio-vigent\/\" class=\"more-link\">Read More<\/a>\n\t\t<\/div>\n\t\t\t<aside class=\"post-bottom-meta hide\">\n\t\t<strong rel=\"author\" itemprop=\"author\" class=\"author vcard\"><span class=\"fn\">Socialistes de Mallorca<\/span><\/strong>\n\t\t<time class=\"date published time\" datetime=\"2021-05-05T14:35:28+02:00\" itemprop=\"datePublished\" content=\"2021-05-05T14:35:28+02:00\">05\/05\/2021<\/time>\n\t\t<meta itemprop=\"dateModified\" class=\"date updated\" content=\"2021-05-05T14:35:28+02:00\">\n\t\t<span class=\"hide\" itemprop=\"publisher\" itemscope itemtype=\"https:\/\/schema.org\/Organization\">\n\t\t\t<meta itemprop=\"name\" content=\"SocialistesdMca\">\n\t\t\t<span itemprop=\"logo\" itemscope itemtype=\"https:\/\/schema.org\/ImageObject\">\n\t\t\t\t<meta itemprop=\"url\" content=\"https:\/\/www.psib-psoe.org\/mallorca\/wp-content\/themes\/notio-wp\/assets\/img\/logo.png\">\n\t\t\t<\/span>\n\t\t\t<meta itemprop=\"url\" content=\"https:\/\/www.psib-psoe.org\/mallorca\/\">\n\t\t<\/span>\n\t\t\t\t<span class=\"hide\" itemprop=\"image\" itemscope itemtype=\"http:\/\/schema.org\/ImageObject\">\n\t\t\t<meta itemprop=\"url\" content=\"https:\/\/www.psib-psoe.org\/mallorca\/wp-content\/uploads\/Socialistes-de-So\u0301ller-1.jpg\">\n\t\t\t<meta itemprop=\"width\" content=\"1000\">\n\t\t\t<meta itemprop=\"height\" content=\"750\">\n\t\t<\/span>\n\t\t\t\t<meta itemscope itemprop=\"mainEntityOfPage\" itemtype=\"https:\/\/schema.org\/WebPage\" itemid=\"https:\/\/www.psib-psoe.org\/mallorca\/els-i-les-socialistes-de-soller-solliciten-a-lequip-de-govern-que-recuperi-la-gestio-publica-de-laigua-i-no-torni-a-renovar-el-contracte-de-concessio-vigent\/\">\n\t<\/aside>\n\t\t<\/article>\n<\/div>\n<div class=\"small-12 large-4 columns\">\n\t<article itemscope itemtype=\"http:\/\/schema.org\/Article\" class=\"post blog-style7 alt post-25895 type-post status-publish format-standard has-post-thumbnail hentry category-federacio-de-mallorca tag-federacio-socialista-de-mallorca\" role=\"article\">\n\t\t<figure class=\"post-gallery\"><img loading=\"lazy\" decoding=\"async\" width=\"600\" height=\"400\" src=\"https:\/\/www.psib-psoe.org\/mallorca\/wp-content\/uploads\/Garrido-i-Hila-Dia-del-Treballador-20210501-600x400.jpeg\" class=\"attachment-notio-general-x2 size-notio-general-x2 wp-post-image\" alt=\"\" srcset=\"https:\/\/www.psib-psoe.org\/mallorca\/wp-content\/uploads\/Garrido-i-Hila-Dia-del-Treballador-20210501-600x400.jpeg 600w, https:\/\/www.psib-psoe.org\/mallorca\/wp-content\/uploads\/Garrido-i-Hila-Dia-del-Treballador-20210501-300x200.jpeg 300w, https:\/\/www.psib-psoe.org\/mallorca\/wp-content\/uploads\/Garrido-i-Hila-Dia-del-Treballador-20210501-900x600.jpeg 900w, https:\/\/www.psib-psoe.org\/mallorca\/wp-content\/uploads\/Garrido-i-Hila-Dia-del-Treballador-20210501-20x13.jpeg 20w\" sizes=\"(max-width: 600px) 100vw, 600px\" \/><\/figure>\n\t\t<div class=\"blog-top\">\n\t\t\t<header class=\"post-title entry-header\">\n\t\t\t\t<aside class=\"post-meta cf\">\n\t\t01\/05\/2021 \/ <a href=\"https:\/\/www.psib-psoe.org\/mallorca\/category\/federacio-de-mallorca\/\" rel=\"category tag\">Federaci\u00f3 de Mallorca<\/a><\/aside>\n\t\t\t\t<h3 itemprop=\"headline\"><a href=\"https:\/\/www.psib-psoe.org\/mallorca\/el-psib-psoe-se-suma-a-la-celebracio-del-primer-de-maig-refermant-el-seu-compromis-amb-la-proteccio-dels-treballadors\/\" title=\"El PSIB-PSOE se suma a la celebraci\u00f3 del primer de maig refermant el seu comprom\u00eds amb la protecci\u00f3 dels treballadors\">El PSIB-PSOE se suma a la celebraci\u00f3 del primer de maig refermant el seu comprom\u00eds amb la protecci\u00f3 dels treballadors<\/a><\/h3>\n\t\t\t<\/header>\n\t\t<\/div>\n\t\t<div class=\"post-content\">\n\t\t\t<a href=\"https:\/\/www.psib-psoe.org\/mallorca\/el-psib-psoe-se-suma-a-la-celebracio-del-primer-de-maig-refermant-el-seu-compromis-amb-la-proteccio-dels-treballadors\/\" class=\"more-link\">Read More<\/a>\n\t\t<\/div>\n\t\t\t<aside class=\"post-bottom-meta hide\">\n\t\t<strong rel=\"author\" itemprop=\"author\" class=\"author vcard\"><span class=\"fn\">adminpsib<\/span><\/strong>\n\t\t<time class=\"date published time\" datetime=\"2021-05-01T13:44:28+02:00\" itemprop=\"datePublished\" content=\"2021-05-01T13:44:28+02:00\">01\/05\/2021<\/time>\n\t\t<meta itemprop=\"dateModified\" class=\"date updated\" content=\"2021-05-01T13:44:28+02:00\">\n\t\t<span class=\"hide\" itemprop=\"publisher\" itemscope itemtype=\"https:\/\/schema.org\/Organization\">\n\t\t\t<meta itemprop=\"name\" content=\"SocialistesdMca\">\n\t\t\t<span itemprop=\"logo\" itemscope itemtype=\"https:\/\/schema.org\/ImageObject\">\n\t\t\t\t<meta itemprop=\"url\" content=\"https:\/\/www.psib-psoe.org\/mallorca\/wp-content\/themes\/notio-wp\/assets\/img\/logo.png\">\n\t\t\t<\/span>\n\t\t\t<meta itemprop=\"url\" content=\"https:\/\/www.psib-psoe.org\/mallorca\/\">\n\t\t<\/span>\n\t\t\t\t<span class=\"hide\" itemprop=\"image\" itemscope itemtype=\"http:\/\/schema.org\/ImageObject\">\n\t\t\t<meta itemprop=\"url\" content=\"https:\/\/www.psib-psoe.org\/mallorca\/wp-content\/uploads\/Garrido-i-Hila-Dia-del-Treballador-20210501.jpeg\">\n\t\t\t<meta itemprop=\"width\" content=\"2048\">\n\t\t\t<meta itemprop=\"height\" content=\"1536\">\n\t\t<\/span>\n\t\t\t\t<meta itemscope itemprop=\"mainEntityOfPage\" itemtype=\"https:\/\/schema.org\/WebPage\" itemid=\"https:\/\/www.psib-psoe.org\/mallorca\/el-psib-psoe-se-suma-a-la-celebracio-del-primer-de-maig-refermant-el-seu-compromis-amb-la-proteccio-dels-treballadors\/\">\n\t<\/aside>\n\t\t<\/article>\n<\/div>\n<div class=\"small-12 large-4 columns\">\n\t<article itemscope itemtype=\"http:\/\/schema.org\/Article\" class=\"post blog-style7 alt post-25893 type-post status-publish format-standard has-post-thumbnail hentry category-federacio-de-mallorca tag-federacio-socialista-de-mallorca\" role=\"article\">\n\t\t<figure class=\"post-gallery\"><img loading=\"lazy\" decoding=\"async\" width=\"600\" height=\"400\" src=\"https:\/\/www.psib-psoe.org\/mallorca\/wp-content\/uploads\/Pere-Joan-Pons-i-Cosme-Bonet-Roda-corts-generals-20210430-600x400.jpeg\" class=\"attachment-notio-general-x2 size-notio-general-x2 wp-post-image\" alt=\"\" srcset=\"https:\/\/www.psib-psoe.org\/mallorca\/wp-content\/uploads\/Pere-Joan-Pons-i-Cosme-Bonet-Roda-corts-generals-20210430-600x400.jpeg 600w, https:\/\/www.psib-psoe.org\/mallorca\/wp-content\/uploads\/Pere-Joan-Pons-i-Cosme-Bonet-Roda-corts-generals-20210430-300x200.jpeg 300w, https:\/\/www.psib-psoe.org\/mallorca\/wp-content\/uploads\/Pere-Joan-Pons-i-Cosme-Bonet-Roda-corts-generals-20210430-768x512.jpeg 768w, https:\/\/www.psib-psoe.org\/mallorca\/wp-content\/uploads\/Pere-Joan-Pons-i-Cosme-Bonet-Roda-corts-generals-20210430-1024x682.jpeg 1024w, https:\/\/www.psib-psoe.org\/mallorca\/wp-content\/uploads\/Pere-Joan-Pons-i-Cosme-Bonet-Roda-corts-generals-20210430-150x100.jpeg 150w, https:\/\/www.psib-psoe.org\/mallorca\/wp-content\/uploads\/Pere-Joan-Pons-i-Cosme-Bonet-Roda-corts-generals-20210430-900x600.jpeg 900w, https:\/\/www.psib-psoe.org\/mallorca\/wp-content\/uploads\/Pere-Joan-Pons-i-Cosme-Bonet-Roda-corts-generals-20210430-20x13.jpeg 20w, https:\/\/www.psib-psoe.org\/mallorca\/wp-content\/uploads\/Pere-Joan-Pons-i-Cosme-Bonet-Roda-corts-generals-20210430.jpeg 2000w\" sizes=\"(max-width: 600px) 100vw, 600px\" \/><\/figure>\n\t\t<div class=\"blog-top\">\n\t\t\t<header class=\"post-title entry-header\">\n\t\t\t\t<aside class=\"post-meta cf\">\n\t\t30\/04\/2021 \/ <a href=\"https:\/\/www.psib-psoe.org\/mallorca\/category\/federacio-de-mallorca\/\" rel=\"category tag\">Federaci\u00f3 de Mallorca<\/a><\/aside>\n\t\t\t\t<h3 itemprop=\"headline\"><a href=\"https:\/\/www.psib-psoe.org\/mallorca\/el-psib-psoe-ressalta-lescut-social-sense-precedents-per-protegir-els-treballadors-i-locupacio-en-la-vigilia-dun-nou-1r-de-maig-marcat-per-la-pandemia\/\" title=\"El PSIB-PSOE ressalta l\u2019escut social sense precedents per protegir els treballadors i l\u2019ocupaci\u00f3 en la vig\u00edlia d\u2019un nou 1r de maig marcat per la pand\u00e8mia\">El PSIB-PSOE ressalta l\u2019escut social sense precedents per protegir els treballadors i l\u2019ocupaci\u00f3 en la vig\u00edlia d\u2019un nou 1r de maig marcat per la pand\u00e8mia<\/a><\/h3>\n\t\t\t<\/header>\n\t\t<\/div>\n\t\t<div class=\"post-content\">\n\t\t\t<a href=\"https:\/\/www.psib-psoe.org\/mallorca\/el-psib-psoe-ressalta-lescut-social-sense-precedents-per-protegir-els-treballadors-i-locupacio-en-la-vigilia-dun-nou-1r-de-maig-marcat-per-la-pandemia\/\" class=\"more-link\">Read More<\/a>\n\t\t<\/div>\n\t\t\t<aside class=\"post-bottom-meta hide\">\n\t\t<strong rel=\"author\" itemprop=\"author\" class=\"author vcard\"><span class=\"fn\">adminpsib<\/span><\/strong>\n\t\t<time class=\"date published time\" datetime=\"2021-04-30T14:25:54+02:00\" itemprop=\"datePublished\" content=\"2021-04-30T14:25:54+02:00\">30\/04\/2021<\/time>\n\t\t<meta itemprop=\"dateModified\" class=\"date updated\" content=\"2021-04-30T14:25:54+02:00\">\n\t\t<span class=\"hide\" itemprop=\"publisher\" itemscope itemtype=\"https:\/\/schema.org\/Organization\">\n\t\t\t<meta itemprop=\"name\" content=\"SocialistesdMca\">\n\t\t\t<span itemprop=\"logo\" itemscope itemtype=\"https:\/\/schema.org\/ImageObject\">\n\t\t\t\t<meta itemprop=\"url\" content=\"https:\/\/www.psib-psoe.org\/mallorca\/wp-content\/themes\/notio-wp\/assets\/img\/logo.png\">\n\t\t\t<\/span>\n\t\t\t<meta itemprop=\"url\" content=\"https:\/\/www.psib-psoe.org\/mallorca\/\">\n\t\t<\/span>\n\t\t\t\t<span class=\"hide\" itemprop=\"image\" itemscope itemtype=\"http:\/\/schema.org\/ImageObject\">\n\t\t\t<meta itemprop=\"url\" content=\"https:\/\/www.psib-psoe.org\/mallorca\/wp-content\/uploads\/Pere-Joan-Pons-i-Cosme-Bonet-Roda-corts-generals-20210430.jpeg\">\n\t\t\t<meta itemprop=\"width\" content=\"2000\">\n\t\t\t<meta itemprop=\"height\" content=\"1333\">\n\t\t<\/span>\n\t\t\t\t<meta itemscope itemprop=\"mainEntityOfPage\" itemtype=\"https:\/\/schema.org\/WebPage\" itemid=\"https:\/\/www.psib-psoe.org\/mallorca\/el-psib-psoe-ressalta-lescut-social-sense-precedents-per-protegir-els-treballadors-i-locupacio-en-la-vigilia-dun-nou-1r-de-maig-marcat-per-la-pandemia\/\">\n\t<\/aside>\n\t\t<\/article>\n<\/div>\n<div class=\"small-12 large-4 columns\">\n\t<article itemscope itemtype=\"http:\/\/schema.org\/Article\" class=\"post blog-style7 alt post-25886 type-post status-publish format-standard has-post-thumbnail hentry category-federacio-de-mallorca category-municipis category-portada\" role=\"article\">\n\t\t<figure class=\"post-gallery\"><img loading=\"lazy\" decoding=\"async\" width=\"600\" height=\"400\" src=\"https:\/\/www.psib-psoe.org\/mallorca\/wp-content\/uploads\/210429-soller-jaume-mateu-i-maria-creu-ense\u00f1at-600x400.jpeg\" class=\"attachment-notio-general-x2 size-notio-general-x2 wp-post-image\" alt=\"\" srcset=\"https:\/\/www.psib-psoe.org\/mallorca\/wp-content\/uploads\/210429-soller-jaume-mateu-i-maria-creu-ense\u00f1at-600x400.jpeg 600w, https:\/\/www.psib-psoe.org\/mallorca\/wp-content\/uploads\/210429-soller-jaume-mateu-i-maria-creu-ense\u00f1at-300x200.jpeg 300w, https:\/\/www.psib-psoe.org\/mallorca\/wp-content\/uploads\/210429-soller-jaume-mateu-i-maria-creu-ense\u00f1at-900x600.jpeg 900w, https:\/\/www.psib-psoe.org\/mallorca\/wp-content\/uploads\/210429-soller-jaume-mateu-i-maria-creu-ense\u00f1at-20x13.jpeg 20w\" sizes=\"(max-width: 600px) 100vw, 600px\" \/><\/figure>\n\t\t<div class=\"blog-top\">\n\t\t\t<header class=\"post-title entry-header\">\n\t\t\t\t<aside class=\"post-meta cf\">\n\t\t29\/04\/2021 \/ <a href=\"https:\/\/www.psib-psoe.org\/mallorca\/category\/federacio-de-mallorca\/\" rel=\"category tag\">Federaci\u00f3 de Mallorca<\/a>, <a href=\"https:\/\/www.psib-psoe.org\/mallorca\/category\/municipis\/\" rel=\"category tag\">Municipis<\/a>, <a href=\"https:\/\/www.psib-psoe.org\/mallorca\/category\/portada\/\" rel=\"category tag\">Portada<\/a><\/aside>\n\t\t\t\t<h3 itemprop=\"headline\"><a href=\"https:\/\/www.psib-psoe.org\/mallorca\/lagrupacio-socialista-de-soller-reclama-a-lequip-de-govern-una-solucio-urgent-per-als-espais-de-lescola-de-musica-i-lescola-dadults-del-municipi\/\" title=\"L&#8217;agrupaci\u00f3 socialista de S\u00f3ller reclama a l&#8217;equip de govern una soluci\u00f3 urgent per als espais de l&#8217;Escola de M\u00fasica i l&#8217;Escola d&#8217;Adults del municipi\">L&#8217;agrupaci\u00f3 socialista de S\u00f3ller reclama a l&#8217;equip de govern una soluci\u00f3 urgent per als espais de l&#8217;Escola de M\u00fasica i l&#8217;Escola d&#8217;Adults del municipi<\/a><\/h3>\n\t\t\t<\/header>\n\t\t<\/div>\n\t\t<div class=\"post-content\">\n\t\t\t<a href=\"https:\/\/www.psib-psoe.org\/mallorca\/lagrupacio-socialista-de-soller-reclama-a-lequip-de-govern-una-solucio-urgent-per-als-espais-de-lescola-de-musica-i-lescola-dadults-del-municipi\/\" class=\"more-link\">Read More<\/a>\n\t\t<\/div>\n\t\t\t<aside class=\"post-bottom-meta hide\">\n\t\t<strong rel=\"author\" itemprop=\"author\" class=\"author vcard\"><span class=\"fn\">Socialistes de Mallorca<\/span><\/strong>\n\t\t<time class=\"date published time\" datetime=\"2021-04-29T11:56:34+02:00\" itemprop=\"datePublished\" content=\"2021-04-29T11:56:34+02:00\">29\/04\/2021<\/time>\n\t\t<meta itemprop=\"dateModified\" class=\"date updated\" content=\"2021-04-29T11:56:34+02:00\">\n\t\t<span class=\"hide\" itemprop=\"publisher\" itemscope itemtype=\"https:\/\/schema.org\/Organization\">\n\t\t\t<meta itemprop=\"name\" content=\"SocialistesdMca\">\n\t\t\t<span itemprop=\"logo\" itemscope itemtype=\"https:\/\/schema.org\/ImageObject\">\n\t\t\t\t<meta itemprop=\"url\" content=\"https:\/\/www.psib-psoe.org\/mallorca\/wp-content\/themes\/notio-wp\/assets\/img\/logo.png\">\n\t\t\t<\/span>\n\t\t\t<meta itemprop=\"url\" content=\"https:\/\/www.psib-psoe.org\/mallorca\/\">\n\t\t<\/span>\n\t\t\t\t<span class=\"hide\" itemprop=\"image\" itemscope itemtype=\"http:\/\/schema.org\/ImageObject\">\n\t\t\t<meta itemprop=\"url\" content=\"https:\/\/www.psib-psoe.org\/mallorca\/wp-content\/uploads\/210429-soller-jaume-mateu-i-maria-creu-ense\u00f1at.jpeg\">\n\t\t\t<meta itemprop=\"width\" content=\"2048\">\n\t\t\t<meta itemprop=\"height\" content=\"1536\">\n\t\t<\/span>\n\t\t\t\t<meta itemscope itemprop=\"mainEntityOfPage\" itemtype=\"https:\/\/schema.org\/WebPage\" itemid=\"https:\/\/www.psib-psoe.org\/mallorca\/lagrupacio-socialista-de-soller-reclama-a-lequip-de-govern-una-solucio-urgent-per-als-espais-de-lescola-de-musica-i-lescola-dadults-del-municipi\/\">\n\t<\/aside>\n\t\t<\/article>\n<\/div>\n<div class=\"small-12 large-4 columns\">\n\t<article itemscope itemtype=\"http:\/\/schema.org\/Article\" class=\"post blog-style7 alt post-25883 type-post status-publish format-standard has-post-thumbnail hentry category-consell-de-mallorca category-federacio-de-mallorca category-portada\" role=\"article\">\n\t\t<figure class=\"post-gallery\"><img loading=\"lazy\" decoding=\"async\" width=\"600\" height=\"400\" src=\"https:\/\/www.psib-psoe.org\/mallorca\/wp-content\/uploads\/rdp-comissi\u00f3-ESI-2-600x400.jpeg\" class=\"attachment-notio-general-x2 size-notio-general-x2 wp-post-image\" alt=\"\" srcset=\"https:\/\/www.psib-psoe.org\/mallorca\/wp-content\/uploads\/rdp-comissi\u00f3-ESI-2-600x400.jpeg 600w, https:\/\/www.psib-psoe.org\/mallorca\/wp-content\/uploads\/rdp-comissi\u00f3-ESI-2-300x200.jpeg 300w, https:\/\/www.psib-psoe.org\/mallorca\/wp-content\/uploads\/rdp-comissi\u00f3-ESI-2-900x600.jpeg 900w, https:\/\/www.psib-psoe.org\/mallorca\/wp-content\/uploads\/rdp-comissi\u00f3-ESI-2-20x13.jpeg 20w\" sizes=\"(max-width: 600px) 100vw, 600px\" \/><\/figure>\n\t\t<div class=\"blog-top\">\n\t\t\t<header class=\"post-title entry-header\">\n\t\t\t\t<aside class=\"post-meta cf\">\n\t\t23\/04\/2021 \/ <a href=\"https:\/\/www.psib-psoe.org\/mallorca\/category\/consell-de-mallorca\/\" rel=\"category tag\">Consell de Mallorca<\/a>, <a href=\"https:\/\/www.psib-psoe.org\/mallorca\/category\/federacio-de-mallorca\/\" rel=\"category tag\">Federaci\u00f3 de Mallorca<\/a>, <a href=\"https:\/\/www.psib-psoe.org\/mallorca\/category\/portada\/\" rel=\"category tag\">Portada<\/a><\/aside>\n\t\t\t\t<h3 itemprop=\"headline\"><a href=\"https:\/\/www.psib-psoe.org\/mallorca\/la-comissio-politica-sobre-lexplotacio-sexual-infantil-aprova-el-seu-dictamen\/\" title=\"La Comissi\u00f3 Pol\u00edtica sobre l&#8217;explotaci\u00f3 sexual infantil aprova el seu dictamen\">La Comissi\u00f3 Pol\u00edtica sobre l&#8217;explotaci\u00f3 sexual infantil aprova el seu dictamen<\/a><\/h3>\n\t\t\t<\/header>\n\t\t<\/div>\n\t\t<div class=\"post-content\">\n\t\t\t<a href=\"https:\/\/www.psib-psoe.org\/mallorca\/la-comissio-politica-sobre-lexplotacio-sexual-infantil-aprova-el-seu-dictamen\/\" class=\"more-link\">Read More<\/a>\n\t\t<\/div>\n\t\t\t<aside class=\"post-bottom-meta hide\">\n\t\t<strong rel=\"author\" itemprop=\"author\" class=\"author vcard\"><span class=\"fn\">Socialistes de Mallorca<\/span><\/strong>\n\t\t<time class=\"date published time\" datetime=\"2021-04-23T14:01:10+02:00\" itemprop=\"datePublished\" content=\"2021-04-23T14:01:10+02:00\">23\/04\/2021<\/time>\n\t\t<meta itemprop=\"dateModified\" class=\"date updated\" content=\"2021-04-23T14:01:10+02:00\">\n\t\t<span class=\"hide\" itemprop=\"publisher\" itemscope itemtype=\"https:\/\/schema.org\/Organization\">\n\t\t\t<meta itemprop=\"name\" content=\"SocialistesdMca\">\n\t\t\t<span itemprop=\"logo\" itemscope itemtype=\"https:\/\/schema.org\/ImageObject\">\n\t\t\t\t<meta itemprop=\"url\" content=\"https:\/\/www.psib-psoe.org\/mallorca\/wp-content\/themes\/notio-wp\/assets\/img\/logo.png\">\n\t\t\t<\/span>\n\t\t\t<meta itemprop=\"url\" content=\"https:\/\/www.psib-psoe.org\/mallorca\/\">\n\t\t<\/span>\n\t\t\t\t<span class=\"hide\" itemprop=\"image\" itemscope itemtype=\"http:\/\/schema.org\/ImageObject\">\n\t\t\t<meta itemprop=\"url\" content=\"https:\/\/www.psib-psoe.org\/mallorca\/wp-content\/uploads\/rdp-comissi\u00f3-ESI-2.jpeg\">\n\t\t\t<meta itemprop=\"width\" content=\"1280\">\n\t\t\t<meta itemprop=\"height\" content=\"960\">\n\t\t<\/span>\n\t\t\t\t<meta itemscope itemprop=\"mainEntityOfPage\" itemtype=\"https:\/\/schema.org\/WebPage\" itemid=\"https:\/\/www.psib-psoe.org\/mallorca\/la-comissio-politica-sobre-lexplotacio-sexual-infantil-aprova-el-seu-dictamen\/\">\n\t<\/aside>\n\t\t<\/article>\n<\/div>\n<div class=\"small-12 large-4 columns\">\n\t<article itemscope itemtype=\"http:\/\/schema.org\/Article\" class=\"post blog-style7 alt post-25872 type-post status-publish format-standard has-post-thumbnail hentry category-federacio-de-mallorca category-portada category-senat\" role=\"article\">\n\t\t<figure class=\"post-gallery\"><img loading=\"lazy\" decoding=\"async\" width=\"600\" height=\"400\" src=\"https:\/\/www.psib-psoe.org\/mallorca\/wp-content\/uploads\/bonet-abascal-moll-1-600x400.jpeg\" class=\"attachment-notio-general-x2 size-notio-general-x2 wp-post-image\" alt=\"\" srcset=\"https:\/\/www.psib-psoe.org\/mallorca\/wp-content\/uploads\/bonet-abascal-moll-1-600x400.jpeg 600w, https:\/\/www.psib-psoe.org\/mallorca\/wp-content\/uploads\/bonet-abascal-moll-1-300x200.jpeg 300w, https:\/\/www.psib-psoe.org\/mallorca\/wp-content\/uploads\/bonet-abascal-moll-1-20x13.jpeg 20w\" sizes=\"(max-width: 600px) 100vw, 600px\" \/><\/figure>\n\t\t<div class=\"blog-top\">\n\t\t\t<header class=\"post-title entry-header\">\n\t\t\t\t<aside class=\"post-meta cf\">\n\t\t21\/04\/2021 \/ <a href=\"https:\/\/www.psib-psoe.org\/mallorca\/category\/federacio-de-mallorca\/\" rel=\"category tag\">Federaci\u00f3 de Mallorca<\/a>, <a href=\"https:\/\/www.psib-psoe.org\/mallorca\/category\/portada\/\" rel=\"category tag\">Portada<\/a>, <a href=\"https:\/\/www.psib-psoe.org\/mallorca\/category\/senat\/\" rel=\"category tag\">Senat<\/a><\/aside>\n\t\t\t\t<h3 itemprop=\"headline\"><a href=\"https:\/\/www.psib-psoe.org\/mallorca\/el-senat-a-instancia-del-grup-socialista-dona-suport-a-la-candidatura-de-mallorca-com-a-observatori-de-turisme-sostenible-de-lomt\/\" title=\"El Senat, a inst\u00e0ncia del Grup Socialista, dona suport a la candidatura de Mallorca com a Observatori de Turisme Sostenible de l\u2019OMT\">El Senat, a inst\u00e0ncia del Grup Socialista, dona suport a la candidatura de Mallorca com a Observatori de Turisme Sostenible de l\u2019OMT<\/a><\/h3>\n\t\t\t<\/header>\n\t\t<\/div>\n\t\t<div class=\"post-content\">\n\t\t\t<a href=\"https:\/\/www.psib-psoe.org\/mallorca\/el-senat-a-instancia-del-grup-socialista-dona-suport-a-la-candidatura-de-mallorca-com-a-observatori-de-turisme-sostenible-de-lomt\/\" class=\"more-link\">Read More<\/a>\n\t\t<\/div>\n\t\t\t<aside class=\"post-bottom-meta hide\">\n\t\t<strong rel=\"author\" itemprop=\"author\" class=\"author vcard\"><span class=\"fn\">Socialistes de Mallorca<\/span><\/strong>\n\t\t<time class=\"date published time\" datetime=\"2021-04-21T14:47:21+02:00\" itemprop=\"datePublished\" content=\"2021-04-21T14:47:21+02:00\">21\/04\/2021<\/time>\n\t\t<meta itemprop=\"dateModified\" class=\"date updated\" content=\"2021-04-21T17:26:23+02:00\">\n\t\t<span class=\"hide\" itemprop=\"publisher\" itemscope itemtype=\"https:\/\/schema.org\/Organization\">\n\t\t\t<meta itemprop=\"name\" content=\"SocialistesdMca\">\n\t\t\t<span itemprop=\"logo\" itemscope itemtype=\"https:\/\/schema.org\/ImageObject\">\n\t\t\t\t<meta itemprop=\"url\" content=\"https:\/\/www.psib-psoe.org\/mallorca\/wp-content\/themes\/notio-wp\/assets\/img\/logo.png\">\n\t\t\t<\/span>\n\t\t\t<meta itemprop=\"url\" content=\"https:\/\/www.psib-psoe.org\/mallorca\/\">\n\t\t<\/span>\n\t\t\t\t<span class=\"hide\" itemprop=\"image\" itemscope itemtype=\"http:\/\/schema.org\/ImageObject\">\n\t\t\t<meta itemprop=\"url\" content=\"https:\/\/www.psib-psoe.org\/mallorca\/wp-content\/uploads\/bonet-abascal-moll-1.jpeg\">\n\t\t\t<meta itemprop=\"width\" content=\"716\">\n\t\t\t<meta itemprop=\"height\" content=\"1024\">\n\t\t<\/span>\n\t\t\t\t<meta itemscope itemprop=\"mainEntityOfPage\" itemtype=\"https:\/\/schema.org\/WebPage\" itemid=\"https:\/\/www.psib-psoe.org\/mallorca\/el-senat-a-instancia-del-grup-socialista-dona-suport-a-la-candidatura-de-mallorca-com-a-observatori-de-turisme-sostenible-de-lomt\/\">\n\t<\/aside>\n\t\t<\/article>\n<\/div>\n<div class=\"small-12 large-4 columns\">\n\t<article itemscope itemtype=\"http:\/\/schema.org\/Article\" class=\"post blog-style7 alt post-25867 type-post status-publish format-standard has-post-thumbnail hentry category-consell-de-mallorca category-federacio-de-mallorca category-municipis\" role=\"article\">\n\t\t<figure class=\"post-gallery\"><img loading=\"lazy\" decoding=\"async\" width=\"600\" height=\"400\" src=\"https:\/\/www.psib-psoe.org\/mallorca\/wp-content\/uploads\/Rafel-Aulet-Maria-de-la-Salut-600x400.jpeg\" class=\"attachment-notio-general-x2 size-notio-general-x2 wp-post-image\" alt=\"\" srcset=\"https:\/\/www.psib-psoe.org\/mallorca\/wp-content\/uploads\/Rafel-Aulet-Maria-de-la-Salut-600x400.jpeg 600w, https:\/\/www.psib-psoe.org\/mallorca\/wp-content\/uploads\/Rafel-Aulet-Maria-de-la-Salut-300x200.jpeg 300w, https:\/\/www.psib-psoe.org\/mallorca\/wp-content\/uploads\/Rafel-Aulet-Maria-de-la-Salut-768x512.jpeg 768w, https:\/\/www.psib-psoe.org\/mallorca\/wp-content\/uploads\/Rafel-Aulet-Maria-de-la-Salut-150x100.jpeg 150w, https:\/\/www.psib-psoe.org\/mallorca\/wp-content\/uploads\/Rafel-Aulet-Maria-de-la-Salut-900x600.jpeg 900w, https:\/\/www.psib-psoe.org\/mallorca\/wp-content\/uploads\/Rafel-Aulet-Maria-de-la-Salut-20x13.jpeg 20w, https:\/\/www.psib-psoe.org\/mallorca\/wp-content\/uploads\/Rafel-Aulet-Maria-de-la-Salut.jpeg 1000w\" sizes=\"(max-width: 600px) 100vw, 600px\" \/><\/figure>\n\t\t<div class=\"blog-top\">\n\t\t\t<header class=\"post-title entry-header\">\n\t\t\t\t<aside class=\"post-meta cf\">\n\t\t14\/04\/2021 \/ <a href=\"https:\/\/www.psib-psoe.org\/mallorca\/category\/consell-de-mallorca\/\" rel=\"category tag\">Consell de Mallorca<\/a>, <a href=\"https:\/\/www.psib-psoe.org\/mallorca\/category\/federacio-de-mallorca\/\" rel=\"category tag\">Federaci\u00f3 de Mallorca<\/a>, <a href=\"https:\/\/www.psib-psoe.org\/mallorca\/category\/municipis\/\" rel=\"category tag\">Municipis<\/a><\/aside>\n\t\t\t\t<h3 itemprop=\"headline\"><a href=\"https:\/\/www.psib-psoe.org\/mallorca\/el-psib-psoe-de-maria-de-la-salut-exigeix-a-lequip-de-govern-que-compleixi-amb-la-seva-responsabilitat-de-transparencia-i-rendicio-de-comptes\/\" title=\"El PSIB-PSOE de Maria de la Salut exigeix a l&#8217;equip de govern que compleixi amb la seva responsabilitat de transpar\u00e8ncia i rendici\u00f3 de comptes\">El PSIB-PSOE de Maria de la Salut exigeix a l&#8217;equip de govern que compleixi amb la seva responsabilitat de transpar\u00e8ncia i rendici\u00f3 de comptes<\/a><\/h3>\n\t\t\t<\/header>\n\t\t<\/div>\n\t\t<div class=\"post-content\">\n\t\t\t<a href=\"https:\/\/www.psib-psoe.org\/mallorca\/el-psib-psoe-de-maria-de-la-salut-exigeix-a-lequip-de-govern-que-compleixi-amb-la-seva-responsabilitat-de-transparencia-i-rendicio-de-comptes\/\" class=\"more-link\">Read More<\/a>\n\t\t<\/div>\n\t\t\t<aside class=\"post-bottom-meta hide\">\n\t\t<strong rel=\"author\" itemprop=\"author\" class=\"author vcard\"><span class=\"fn\">Socialistes de Mallorca<\/span><\/strong>\n\t\t<time class=\"date published time\" datetime=\"2021-04-14T10:23:56+02:00\" itemprop=\"datePublished\" content=\"2021-04-14T10:23:56+02:00\">14\/04\/2021<\/time>\n\t\t<meta itemprop=\"dateModified\" class=\"date updated\" content=\"2021-04-14T10:23:56+02:00\">\n\t\t<span class=\"hide\" itemprop=\"publisher\" itemscope itemtype=\"https:\/\/schema.org\/Organization\">\n\t\t\t<meta itemprop=\"name\" content=\"SocialistesdMca\">\n\t\t\t<span itemprop=\"logo\" itemscope itemtype=\"https:\/\/schema.org\/ImageObject\">\n\t\t\t\t<meta itemprop=\"url\" content=\"https:\/\/www.psib-psoe.org\/mallorca\/wp-content\/themes\/notio-wp\/assets\/img\/logo.png\">\n\t\t\t<\/span>\n\t\t\t<meta itemprop=\"url\" content=\"https:\/\/www.psib-psoe.org\/mallorca\/\">\n\t\t<\/span>\n\t\t\t\t<span class=\"hide\" itemprop=\"image\" itemscope itemtype=\"http:\/\/schema.org\/ImageObject\">\n\t\t\t<meta itemprop=\"url\" content=\"https:\/\/www.psib-psoe.org\/mallorca\/wp-content\/uploads\/Rafel-Aulet-Maria-de-la-Salut.jpeg\">\n\t\t\t<meta itemprop=\"width\" content=\"1000\">\n\t\t\t<meta itemprop=\"height\" content=\"667\">\n\t\t<\/span>\n\t\t\t\t<meta itemscope itemprop=\"mainEntityOfPage\" itemtype=\"https:\/\/schema.org\/WebPage\" itemid=\"https:\/\/www.psib-psoe.org\/mallorca\/el-psib-psoe-de-maria-de-la-salut-exigeix-a-lequip-de-govern-que-compleixi-amb-la-seva-responsabilitat-de-transparencia-i-rendicio-de-comptes\/\">\n\t<\/aside>\n\t\t<\/article>\n<\/div>\n<div class=\"small-12 large-4 columns\">\n\t<article itemscope itemtype=\"http:\/\/schema.org\/Article\" class=\"post blog-style7 alt post-25845 type-post status-publish format-standard has-post-thumbnail hentry category-federacio-de-mallorca category-municipis category-portada\" role=\"article\">\n\t\t<figure class=\"post-gallery\"><img loading=\"lazy\" decoding=\"async\" width=\"600\" height=\"400\" src=\"https:\/\/www.psib-psoe.org\/mallorca\/wp-content\/uploads\/Llucmajor-junta-portaveus-600x400.jpeg\" class=\"attachment-notio-general-x2 size-notio-general-x2 wp-post-image\" alt=\"\" srcset=\"https:\/\/www.psib-psoe.org\/mallorca\/wp-content\/uploads\/Llucmajor-junta-portaveus-600x400.jpeg 600w, https:\/\/www.psib-psoe.org\/mallorca\/wp-content\/uploads\/Llucmajor-junta-portaveus-300x200.jpeg 300w, https:\/\/www.psib-psoe.org\/mallorca\/wp-content\/uploads\/Llucmajor-junta-portaveus-900x600.jpeg 900w, https:\/\/www.psib-psoe.org\/mallorca\/wp-content\/uploads\/Llucmajor-junta-portaveus-20x13.jpeg 20w\" sizes=\"(max-width: 600px) 100vw, 600px\" \/><\/figure>\n\t\t<div class=\"blog-top\">\n\t\t\t<header class=\"post-title entry-header\">\n\t\t\t\t<aside class=\"post-meta cf\">\n\t\t23\/03\/2021 \/ <a href=\"https:\/\/www.psib-psoe.org\/mallorca\/category\/federacio-de-mallorca\/\" rel=\"category tag\">Federaci\u00f3 de Mallorca<\/a>, <a href=\"https:\/\/www.psib-psoe.org\/mallorca\/category\/municipis\/\" rel=\"category tag\">Municipis<\/a>, <a href=\"https:\/\/www.psib-psoe.org\/mallorca\/category\/portada\/\" rel=\"category tag\">Portada<\/a><\/aside>\n\t\t\t\t<h3 itemprop=\"headline\"><a href=\"https:\/\/www.psib-psoe.org\/mallorca\/els-socialistes-de-llucmajor-i-la-resta-de-grups-de-loposicio-denuncien-que-el-govern-municipal-no-ha-convocat-la-junta-de-portaveus-des-del-passat-estiu\/\" title=\"Els Socialistes de Llucmajor i la resta de grups de l\u2019oposici\u00f3 denuncien que el govern municipal no ha convocat la Junta de Portaveus des del passat estiu\">Els Socialistes de Llucmajor i la resta de grups de l\u2019oposici\u00f3 denuncien que el govern municipal no ha convocat la Junta de Portaveus des del passat estiu<\/a><\/h3>\n\t\t\t<\/header>\n\t\t<\/div>\n\t\t<div class=\"post-content\">\n\t\t\t<a href=\"https:\/\/www.psib-psoe.org\/mallorca\/els-socialistes-de-llucmajor-i-la-resta-de-grups-de-loposicio-denuncien-que-el-govern-municipal-no-ha-convocat-la-junta-de-portaveus-des-del-passat-estiu\/\" class=\"more-link\">Read More<\/a>\n\t\t<\/div>\n\t\t\t<aside class=\"post-bottom-meta hide\">\n\t\t<strong rel=\"author\" itemprop=\"author\" class=\"author vcard\"><span class=\"fn\">Socialistes de Mallorca<\/span><\/strong>\n\t\t<time class=\"date published time\" datetime=\"2021-03-23T18:07:01+02:00\" itemprop=\"datePublished\" content=\"2021-03-23T18:07:01+02:00\">23\/03\/2021<\/time>\n\t\t<meta itemprop=\"dateModified\" class=\"date updated\" content=\"2021-04-13T13:05:03+02:00\">\n\t\t<span class=\"hide\" itemprop=\"publisher\" itemscope itemtype=\"https:\/\/schema.org\/Organization\">\n\t\t\t<meta itemprop=\"name\" content=\"SocialistesdMca\">\n\t\t\t<span itemprop=\"logo\" itemscope itemtype=\"https:\/\/schema.org\/ImageObject\">\n\t\t\t\t<meta itemprop=\"url\" content=\"https:\/\/www.psib-psoe.org\/mallorca\/wp-content\/themes\/notio-wp\/assets\/img\/logo.png\">\n\t\t\t<\/span>\n\t\t\t<meta itemprop=\"url\" content=\"https:\/\/www.psib-psoe.org\/mallorca\/\">\n\t\t<\/span>\n\t\t\t\t<span class=\"hide\" itemprop=\"image\" itemscope itemtype=\"http:\/\/schema.org\/ImageObject\">\n\t\t\t<meta itemprop=\"url\" content=\"https:\/\/www.psib-psoe.org\/mallorca\/wp-content\/uploads\/Llucmajor-junta-portaveus.jpeg\">\n\t\t\t<meta itemprop=\"width\" content=\"1600\">\n\t\t\t<meta itemprop=\"height\" content=\"802\">\n\t\t<\/span>\n\t\t\t\t<meta itemscope itemprop=\"mainEntityOfPage\" itemtype=\"https:\/\/schema.org\/WebPage\" itemid=\"https:\/\/www.psib-psoe.org\/mallorca\/els-socialistes-de-llucmajor-i-la-resta-de-grups-de-loposicio-denuncien-que-el-govern-municipal-no-ha-convocat-la-junta-de-portaveus-des-del-passat-estiu\/\">\n\t<\/aside>\n\t\t<\/article>\n<\/div>\n<div class=\"small-12 large-4 columns\">\n\t<article itemscope itemtype=\"http:\/\/schema.org\/Article\" class=\"post blog-style7 alt post-25832 type-post status-publish format-standard has-post-thumbnail hentry category-federacio-de-mallorca tag-federacio-socialista-de-mallorca\" role=\"article\">\n\t\t<figure class=\"post-gallery\"><img loading=\"lazy\" decoding=\"async\" width=\"600\" height=\"400\" src=\"https:\/\/www.psib-psoe.org\/mallorca\/wp-content\/uploads\/Mercedes-Garrido-Acte-virtual-Carmen-Calvo-Lluita-prostitucio-i-trafic-dones-20210321-600x400.jpeg\" class=\"attachment-notio-general-x2 size-notio-general-x2 wp-post-image\" alt=\"\" srcset=\"https:\/\/www.psib-psoe.org\/mallorca\/wp-content\/uploads\/Mercedes-Garrido-Acte-virtual-Carmen-Calvo-Lluita-prostitucio-i-trafic-dones-20210321-600x400.jpeg 600w, https:\/\/www.psib-psoe.org\/mallorca\/wp-content\/uploads\/Mercedes-Garrido-Acte-virtual-Carmen-Calvo-Lluita-prostitucio-i-trafic-dones-20210321-300x200.jpeg 300w, https:\/\/www.psib-psoe.org\/mallorca\/wp-content\/uploads\/Mercedes-Garrido-Acte-virtual-Carmen-Calvo-Lluita-prostitucio-i-trafic-dones-20210321-768x512.jpeg 768w, https:\/\/www.psib-psoe.org\/mallorca\/wp-content\/uploads\/Mercedes-Garrido-Acte-virtual-Carmen-Calvo-Lluita-prostitucio-i-trafic-dones-20210321-1024x682.jpeg 1024w, https:\/\/www.psib-psoe.org\/mallorca\/wp-content\/uploads\/Mercedes-Garrido-Acte-virtual-Carmen-Calvo-Lluita-prostitucio-i-trafic-dones-20210321-150x100.jpeg 150w, https:\/\/www.psib-psoe.org\/mallorca\/wp-content\/uploads\/Mercedes-Garrido-Acte-virtual-Carmen-Calvo-Lluita-prostitucio-i-trafic-dones-20210321-900x600.jpeg 900w, https:\/\/www.psib-psoe.org\/mallorca\/wp-content\/uploads\/Mercedes-Garrido-Acte-virtual-Carmen-Calvo-Lluita-prostitucio-i-trafic-dones-20210321-20x13.jpeg 20w, https:\/\/www.psib-psoe.org\/mallorca\/wp-content\/uploads\/Mercedes-Garrido-Acte-virtual-Carmen-Calvo-Lluita-prostitucio-i-trafic-dones-20210321.jpeg 2000w\" sizes=\"(max-width: 600px) 100vw, 600px\" \/><\/figure>\n\t\t<div class=\"blog-top\">\n\t\t\t<header class=\"post-title entry-header\">\n\t\t\t\t<aside class=\"post-meta cf\">\n\t\t21\/03\/2021 \/ <a href=\"https:\/\/www.psib-psoe.org\/mallorca\/category\/federacio-de-mallorca\/\" rel=\"category tag\">Federaci\u00f3 de Mallorca<\/a><\/aside>\n\t\t\t\t<h3 itemprop=\"headline\"><a href=\"https:\/\/www.psib-psoe.org\/mallorca\/calvo-alaba-la-feina-pionera-de-les-illes-balears-en-la-lluita-contra-el-trafic-de-dones-i-la-prostitucio-i-avanca-limpuls-en-el-congres-duna-llei-estatal-per-abolir-la\/\" title=\"Calvo alaba la feina pionera de les Illes Balears en la lluita contra el tr\u00e0fic de dones i la prostituci\u00f3 i avan\u00e7a l\u2019impuls en el Congr\u00e9s d\u2019una llei estatal per abolir-la\">Calvo alaba la feina pionera de les Illes Balears en la lluita contra el tr\u00e0fic de dones i la prostituci\u00f3 i avan\u00e7a l\u2019impuls en el Congr\u00e9s d\u2019una llei estatal per abolir-la<\/a><\/h3>\n\t\t\t<\/header>\n\t\t<\/div>\n\t\t<div class=\"post-content\">\n\t\t\t<a href=\"https:\/\/www.psib-psoe.org\/mallorca\/calvo-alaba-la-feina-pionera-de-les-illes-balears-en-la-lluita-contra-el-trafic-de-dones-i-la-prostitucio-i-avanca-limpuls-en-el-congres-duna-llei-estatal-per-abolir-la\/\" class=\"more-link\">Read More<\/a>\n\t\t<\/div>\n\t\t\t<aside class=\"post-bottom-meta hide\">\n\t\t<strong rel=\"author\" itemprop=\"author\" class=\"author vcard\"><span class=\"fn\">adminpsib<\/span><\/strong>\n\t\t<time class=\"date published time\" datetime=\"2021-03-21T14:54:34+02:00\" itemprop=\"datePublished\" content=\"2021-03-21T14:54:34+02:00\">21\/03\/2021<\/time>\n\t\t<meta itemprop=\"dateModified\" class=\"date updated\" content=\"2021-03-21T14:54:34+02:00\">\n\t\t<span class=\"hide\" itemprop=\"publisher\" itemscope itemtype=\"https:\/\/schema.org\/Organization\">\n\t\t\t<meta itemprop=\"name\" content=\"SocialistesdMca\">\n\t\t\t<span itemprop=\"logo\" itemscope itemtype=\"https:\/\/schema.org\/ImageObject\">\n\t\t\t\t<meta itemprop=\"url\" content=\"https:\/\/www.psib-psoe.org\/mallorca\/wp-content\/themes\/notio-wp\/assets\/img\/logo.png\">\n\t\t\t<\/span>\n\t\t\t<meta itemprop=\"url\" content=\"https:\/\/www.psib-psoe.org\/mallorca\/\">\n\t\t<\/span>\n\t\t\t\t<span class=\"hide\" itemprop=\"image\" itemscope itemtype=\"http:\/\/schema.org\/ImageObject\">\n\t\t\t<meta itemprop=\"url\" content=\"https:\/\/www.psib-psoe.org\/mallorca\/wp-content\/uploads\/Mercedes-Garrido-Acte-virtual-Carmen-Calvo-Lluita-prostitucio-i-trafic-dones-20210321.jpeg\">\n\t\t\t<meta itemprop=\"width\" content=\"2000\">\n\t\t\t<meta itemprop=\"height\" content=\"1333\">\n\t\t<\/span>\n\t\t\t\t<meta itemscope itemprop=\"mainEntityOfPage\" itemtype=\"https:\/\/schema.org\/WebPage\" itemid=\"https:\/\/www.psib-psoe.org\/mallorca\/calvo-alaba-la-feina-pionera-de-les-illes-balears-en-la-lluita-contra-el-trafic-de-dones-i-la-prostitucio-i-avanca-limpuls-en-el-congres-duna-llei-estatal-per-abolir-la\/\">\n\t<\/aside>\n\t\t<\/article>\n<\/div>\n<div class=\"small-12 large-4 columns\">\n\t<article itemscope itemtype=\"http:\/\/schema.org\/Article\" class=\"post blog-style7 alt post-25778 type-post status-publish format-standard has-post-thumbnail hentry category-federacio-de-mallorca category-municipis category-portada tag-exceltur tag-llucmajor tag-turisme\" role=\"article\">\n\t\t<figure class=\"post-gallery\"><img loading=\"lazy\" decoding=\"async\" width=\"600\" height=\"400\" src=\"https:\/\/www.psib-psoe.org\/mallorca\/wp-content\/uploads\/foto-Llucmajor-600x400.jpeg\" class=\"attachment-notio-general-x2 size-notio-general-x2 wp-post-image\" alt=\"\" srcset=\"https:\/\/www.psib-psoe.org\/mallorca\/wp-content\/uploads\/foto-Llucmajor-600x400.jpeg 600w, https:\/\/www.psib-psoe.org\/mallorca\/wp-content\/uploads\/foto-Llucmajor-300x200.jpeg 300w, https:\/\/www.psib-psoe.org\/mallorca\/wp-content\/uploads\/foto-Llucmajor-768x513.jpeg 768w, https:\/\/www.psib-psoe.org\/mallorca\/wp-content\/uploads\/foto-Llucmajor-150x100.jpeg 150w, https:\/\/www.psib-psoe.org\/mallorca\/wp-content\/uploads\/foto-Llucmajor-900x600.jpeg 900w, https:\/\/www.psib-psoe.org\/mallorca\/wp-content\/uploads\/foto-Llucmajor-20x13.jpeg 20w, https:\/\/www.psib-psoe.org\/mallorca\/wp-content\/uploads\/foto-Llucmajor.jpeg 1000w\" sizes=\"(max-width: 600px) 100vw, 600px\" \/><\/figure>\n\t\t<div class=\"blog-top\">\n\t\t\t<header class=\"post-title entry-header\">\n\t\t\t\t<aside class=\"post-meta cf\">\n\t\t05\/03\/2021 \/ <a href=\"https:\/\/www.psib-psoe.org\/mallorca\/category\/federacio-de-mallorca\/\" rel=\"category tag\">Federaci\u00f3 de Mallorca<\/a>, <a href=\"https:\/\/www.psib-psoe.org\/mallorca\/category\/municipis\/\" rel=\"category tag\">Municipis<\/a>, <a href=\"https:\/\/www.psib-psoe.org\/mallorca\/category\/portada\/\" rel=\"category tag\">Portada<\/a><\/aside>\n\t\t\t\t<h3 itemprop=\"headline\"><a href=\"https:\/\/www.psib-psoe.org\/mallorca\/llucmajor-exceltur\/\" title=\"Els i les socialistes de Llucmajor denuncien que \u201cla deixadesa i nul inter\u00e8s de l\u2019equip de govern en la gesti\u00f3 tur\u00edstica\u201d han deixat Platja de Palma fora del r\u00e0nquing de destinacions de sol i platja d\u2019Exceltur\">Els i les socialistes de Llucmajor denuncien que \u201cla deixadesa i nul inter\u00e8s de l\u2019equip de govern en la gesti\u00f3 tur\u00edstica\u201d han deixat Platja de Palma fora del r\u00e0nquing de destinacions de sol i platja d\u2019Exceltur<\/a><\/h3>\n\t\t\t<\/header>\n\t\t<\/div>\n\t\t<div class=\"post-content\">\n\t\t\t<a href=\"https:\/\/www.psib-psoe.org\/mallorca\/llucmajor-exceltur\/\" class=\"more-link\">Read More<\/a>\n\t\t<\/div>\n\t\t\t<aside class=\"post-bottom-meta hide\">\n\t\t<strong rel=\"author\" itemprop=\"author\" class=\"author vcard\"><span class=\"fn\">Joana Aina S\u00e1nchez<\/span><\/strong>\n\t\t<time class=\"date published time\" datetime=\"2021-03-05T12:55:36+02:00\" itemprop=\"datePublished\" content=\"2021-03-05T12:55:36+02:00\">05\/03\/2021<\/time>\n\t\t<meta itemprop=\"dateModified\" class=\"date updated\" content=\"2021-03-05T12:55:36+02:00\">\n\t\t<span class=\"hide\" itemprop=\"publisher\" itemscope itemtype=\"https:\/\/schema.org\/Organization\">\n\t\t\t<meta itemprop=\"name\" content=\"SocialistesdMca\">\n\t\t\t<span itemprop=\"logo\" itemscope itemtype=\"https:\/\/schema.org\/ImageObject\">\n\t\t\t\t<meta itemprop=\"url\" content=\"https:\/\/www.psib-psoe.org\/mallorca\/wp-content\/themes\/notio-wp\/assets\/img\/logo.png\">\n\t\t\t<\/span>\n\t\t\t<meta itemprop=\"url\" content=\"https:\/\/www.psib-psoe.org\/mallorca\/\">\n\t\t<\/span>\n\t\t\t\t<span class=\"hide\" itemprop=\"image\" itemscope itemtype=\"http:\/\/schema.org\/ImageObject\">\n\t\t\t<meta itemprop=\"url\" content=\"https:\/\/www.psib-psoe.org\/mallorca\/wp-content\/uploads\/foto-Llucmajor.jpeg\">\n\t\t\t<meta itemprop=\"width\" content=\"1000\">\n\t\t\t<meta itemprop=\"height\" content=\"668\">\n\t\t<\/span>\n\t\t\t\t<meta itemscope itemprop=\"mainEntityOfPage\" itemtype=\"https:\/\/schema.org\/WebPage\" itemid=\"https:\/\/www.psib-psoe.org\/mallorca\/llucmajor-exceltur\/\">\n\t<\/aside>\n\t\t<\/article>\n<\/div>\n<div class=\"small-12 large-4 columns\">\n\t<article itemscope itemtype=\"http:\/\/schema.org\/Article\" class=\"post blog-style7 alt post-25751 type-post status-publish format-standard has-post-thumbnail hentry category-federacio-de-mallorca category-portada tag-catalina-cladera tag-consell-politic tag-cosme-bonet tag-lluis-socias tag-mallorca tag-mercedes-garrido tag-miquel-angel-coll\" role=\"article\">\n\t\t<figure class=\"post-gallery\"><img loading=\"lazy\" decoding=\"async\" width=\"600\" height=\"400\" src=\"https:\/\/www.psib-psoe.org\/mallorca\/wp-content\/uploads\/Garrido-Cladera-Bonet-Socias-Coll-Consell-Politic-20210220-600x400.jpeg\" class=\"attachment-notio-general-x2 size-notio-general-x2 wp-post-image\" alt=\"\" srcset=\"https:\/\/www.psib-psoe.org\/mallorca\/wp-content\/uploads\/Garrido-Cladera-Bonet-Socias-Coll-Consell-Politic-20210220-600x400.jpeg 600w, https:\/\/www.psib-psoe.org\/mallorca\/wp-content\/uploads\/Garrido-Cladera-Bonet-Socias-Coll-Consell-Politic-20210220-300x200.jpeg 300w, https:\/\/www.psib-psoe.org\/mallorca\/wp-content\/uploads\/Garrido-Cladera-Bonet-Socias-Coll-Consell-Politic-20210220-768x512.jpeg 768w, https:\/\/www.psib-psoe.org\/mallorca\/wp-content\/uploads\/Garrido-Cladera-Bonet-Socias-Coll-Consell-Politic-20210220-1024x682.jpeg 1024w, https:\/\/www.psib-psoe.org\/mallorca\/wp-content\/uploads\/Garrido-Cladera-Bonet-Socias-Coll-Consell-Politic-20210220-150x100.jpeg 150w, https:\/\/www.psib-psoe.org\/mallorca\/wp-content\/uploads\/Garrido-Cladera-Bonet-Socias-Coll-Consell-Politic-20210220-900x600.jpeg 900w, https:\/\/www.psib-psoe.org\/mallorca\/wp-content\/uploads\/Garrido-Cladera-Bonet-Socias-Coll-Consell-Politic-20210220-20x13.jpeg 20w, https:\/\/www.psib-psoe.org\/mallorca\/wp-content\/uploads\/Garrido-Cladera-Bonet-Socias-Coll-Consell-Politic-20210220.jpeg 2000w\" sizes=\"(max-width: 600px) 100vw, 600px\" \/><\/figure>\n\t\t<div class=\"blog-top\">\n\t\t\t<header class=\"post-title entry-header\">\n\t\t\t\t<aside class=\"post-meta cf\">\n\t\t20\/02\/2021 \/ <a href=\"https:\/\/www.psib-psoe.org\/mallorca\/category\/federacio-de-mallorca\/\" rel=\"category tag\">Federaci\u00f3 de Mallorca<\/a>, <a href=\"https:\/\/www.psib-psoe.org\/mallorca\/category\/portada\/\" rel=\"category tag\">Portada<\/a><\/aside>\n\t\t\t\t<h3 itemprop=\"headline\"><a href=\"https:\/\/www.psib-psoe.org\/mallorca\/socialistes-mallorca-destaquen-agilitat-pagament-ajudes-ja-han-arribat-a-3700-negocis\/\" title=\"Els Socialistes de Mallorca destaquen l\u2019agilitat en el pagament de les ajudes als sectors afectats per les restriccions, que ja han arribat a 3.700 negocis\">Els Socialistes de Mallorca destaquen l\u2019agilitat en el pagament de les ajudes als sectors afectats per les restriccions, que ja han arribat a 3.700 negocis<\/a><\/h3>\n\t\t\t<\/header>\n\t\t<\/div>\n\t\t<div class=\"post-content\">\n\t\t\t<a href=\"https:\/\/www.psib-psoe.org\/mallorca\/socialistes-mallorca-destaquen-agilitat-pagament-ajudes-ja-han-arribat-a-3700-negocis\/\" class=\"more-link\">Read More<\/a>\n\t\t<\/div>\n\t\t\t<aside class=\"post-bottom-meta hide\">\n\t\t<strong rel=\"author\" itemprop=\"author\" class=\"author vcard\"><span class=\"fn\">Albert<\/span><\/strong>\n\t\t<time class=\"date published time\" datetime=\"2021-02-20T13:00:13+02:00\" itemprop=\"datePublished\" content=\"2021-02-20T13:00:13+02:00\">20\/02\/2021<\/time>\n\t\t<meta itemprop=\"dateModified\" class=\"date updated\" content=\"2021-02-20T13:00:13+02:00\">\n\t\t<span class=\"hide\" itemprop=\"publisher\" itemscope itemtype=\"https:\/\/schema.org\/Organization\">\n\t\t\t<meta itemprop=\"name\" content=\"SocialistesdMca\">\n\t\t\t<span itemprop=\"logo\" itemscope itemtype=\"https:\/\/schema.org\/ImageObject\">\n\t\t\t\t<meta itemprop=\"url\" content=\"https:\/\/www.psib-psoe.org\/mallorca\/wp-content\/themes\/notio-wp\/assets\/img\/logo.png\">\n\t\t\t<\/span>\n\t\t\t<meta itemprop=\"url\" content=\"https:\/\/www.psib-psoe.org\/mallorca\/\">\n\t\t<\/span>\n\t\t\t\t<span class=\"hide\" itemprop=\"image\" itemscope itemtype=\"http:\/\/schema.org\/ImageObject\">\n\t\t\t<meta itemprop=\"url\" content=\"https:\/\/www.psib-psoe.org\/mallorca\/wp-content\/uploads\/Garrido-Cladera-Bonet-Socias-Coll-Consell-Politic-20210220.jpeg\">\n\t\t\t<meta itemprop=\"width\" content=\"2000\">\n\t\t\t<meta itemprop=\"height\" content=\"1333\">\n\t\t<\/span>\n\t\t\t\t<meta itemscope itemprop=\"mainEntityOfPage\" itemtype=\"https:\/\/schema.org\/WebPage\" itemid=\"https:\/\/www.psib-psoe.org\/mallorca\/socialistes-mallorca-destaquen-agilitat-pagament-ajudes-ja-han-arribat-a-3700-negocis\/\">\n\t<\/aside>\n\t\t<\/article>\n<\/div>\n<div class=\"small-12 large-4 columns\">\n\t<article itemscope itemtype=\"http:\/\/schema.org\/Article\" class=\"post blog-style7 alt post-25749 type-post status-publish format-standard has-post-thumbnail hentry category-federacio-de-mallorca tag-federacio-socialista-de-mallorca\" role=\"article\">\n\t\t<figure class=\"post-gallery\"><img loading=\"lazy\" decoding=\"async\" width=\"600\" height=\"400\" src=\"https:\/\/www.psib-psoe.org\/mallorca\/wp-content\/uploads\/Grup-Territorial-Illes-Balears-amb-FAS-600x400.jpeg\" class=\"attachment-notio-general-x2 size-notio-general-x2 wp-post-image\" alt=\"\" srcset=\"https:\/\/www.psib-psoe.org\/mallorca\/wp-content\/uploads\/Grup-Territorial-Illes-Balears-amb-FAS-600x400.jpeg 600w, https:\/\/www.psib-psoe.org\/mallorca\/wp-content\/uploads\/Grup-Territorial-Illes-Balears-amb-FAS-300x200.jpeg 300w, https:\/\/www.psib-psoe.org\/mallorca\/wp-content\/uploads\/Grup-Territorial-Illes-Balears-amb-FAS-900x600.jpeg 900w, https:\/\/www.psib-psoe.org\/mallorca\/wp-content\/uploads\/Grup-Territorial-Illes-Balears-amb-FAS-20x13.jpeg 20w\" sizes=\"(max-width: 600px) 100vw, 600px\" \/><\/figure>\n\t\t<div class=\"blog-top\">\n\t\t\t<header class=\"post-title entry-header\">\n\t\t\t\t<aside class=\"post-meta cf\">\n\t\t19\/02\/2021 \/ <a href=\"https:\/\/www.psib-psoe.org\/mallorca\/category\/federacio-de-mallorca\/\" rel=\"category tag\">Federaci\u00f3 de Mallorca<\/a><\/aside>\n\t\t\t\t<h3 itemprop=\"headline\"><a href=\"https:\/\/www.psib-psoe.org\/mallorca\/cosme-bonet-destaca-la-necessitat-de-rebre-un-fort-suport-economic-de-lestat-per-a-balears-i-dels-fons-europeus-per-ser-la-comunitat-que-mes-patira-els-efectes-de-la-pandemi\/\" title=\"Cosme Bonet destaca la necessitat de rebre un \u201cfort suport econ\u00f2mic de l\u2019Estat per a Balears i dels fons europeus\u201d per ser la comunitat que m\u00e9s patir\u00e0 els efectes de la pand\u00e8mia\">Cosme Bonet destaca la necessitat de rebre un \u201cfort suport econ\u00f2mic de l\u2019Estat per a Balears i dels fons europeus\u201d per ser la comunitat que m\u00e9s patir\u00e0 els efectes de la pand\u00e8mia<\/a><\/h3>\n\t\t\t<\/header>\n\t\t<\/div>\n\t\t<div class=\"post-content\">\n\t\t\t<a href=\"https:\/\/www.psib-psoe.org\/mallorca\/cosme-bonet-destaca-la-necessitat-de-rebre-un-fort-suport-economic-de-lestat-per-a-balears-i-dels-fons-europeus-per-ser-la-comunitat-que-mes-patira-els-efectes-de-la-pandemi\/\" class=\"more-link\">Read More<\/a>\n\t\t<\/div>\n\t\t\t<aside class=\"post-bottom-meta hide\">\n\t\t<strong rel=\"author\" itemprop=\"author\" class=\"author vcard\"><span class=\"fn\">adminpsib<\/span><\/strong>\n\t\t<time class=\"date published time\" datetime=\"2021-02-19T14:29:06+02:00\" itemprop=\"datePublished\" content=\"2021-02-19T14:29:06+02:00\">19\/02\/2021<\/time>\n\t\t<meta itemprop=\"dateModified\" class=\"date updated\" content=\"2021-02-19T14:29:06+02:00\">\n\t\t<span class=\"hide\" itemprop=\"publisher\" itemscope itemtype=\"https:\/\/schema.org\/Organization\">\n\t\t\t<meta itemprop=\"name\" content=\"SocialistesdMca\">\n\t\t\t<span itemprop=\"logo\" itemscope itemtype=\"https:\/\/schema.org\/ImageObject\">\n\t\t\t\t<meta itemprop=\"url\" content=\"https:\/\/www.psib-psoe.org\/mallorca\/wp-content\/themes\/notio-wp\/assets\/img\/logo.png\">\n\t\t\t<\/span>\n\t\t\t<meta itemprop=\"url\" content=\"https:\/\/www.psib-psoe.org\/mallorca\/\">\n\t\t<\/span>\n\t\t\t\t<span class=\"hide\" itemprop=\"image\" itemscope itemtype=\"http:\/\/schema.org\/ImageObject\">\n\t\t\t<meta itemprop=\"url\" content=\"https:\/\/www.psib-psoe.org\/mallorca\/wp-content\/uploads\/Grup-Territorial-Illes-Balears-amb-FAS.jpeg\">\n\t\t\t<meta itemprop=\"width\" content=\"2048\">\n\t\t\t<meta itemprop=\"height\" content=\"1536\">\n\t\t<\/span>\n\t\t\t\t<meta itemscope itemprop=\"mainEntityOfPage\" itemtype=\"https:\/\/schema.org\/WebPage\" itemid=\"https:\/\/www.psib-psoe.org\/mallorca\/cosme-bonet-destaca-la-necessitat-de-rebre-un-fort-suport-economic-de-lestat-per-a-balears-i-dels-fons-europeus-per-ser-la-comunitat-que-mes-patira-els-efectes-de-la-pandemi\/\">\n\t<\/aside>\n\t\t<\/article>\n<\/div>\n<div class=\"small-12 large-4 columns\">\n\t<article itemscope itemtype=\"http:\/\/schema.org\/Article\" class=\"post blog-style7 alt post-25718 type-post status-publish format-standard has-post-thumbnail hentry category-federacio-de-mallorca category-portada\" role=\"article\">\n\t\t<figure class=\"post-gallery\"><img loading=\"lazy\" decoding=\"async\" width=\"600\" height=\"400\" src=\"https:\/\/www.psib-psoe.org\/mallorca\/wp-content\/uploads\/Cosme-pon\u00e8ncia-insularitat-600x400.jpeg\" class=\"attachment-notio-general-x2 size-notio-general-x2 wp-post-image\" alt=\"\" srcset=\"https:\/\/www.psib-psoe.org\/mallorca\/wp-content\/uploads\/Cosme-pon\u00e8ncia-insularitat-600x400.jpeg 600w, https:\/\/www.psib-psoe.org\/mallorca\/wp-content\/uploads\/Cosme-pon\u00e8ncia-insularitat-300x200.jpeg 300w, https:\/\/www.psib-psoe.org\/mallorca\/wp-content\/uploads\/Cosme-pon\u00e8ncia-insularitat-900x600.jpeg 900w, https:\/\/www.psib-psoe.org\/mallorca\/wp-content\/uploads\/Cosme-pon\u00e8ncia-insularitat-20x13.jpeg 20w\" sizes=\"(max-width: 600px) 100vw, 600px\" \/><\/figure>\n\t\t<div class=\"blog-top\">\n\t\t\t<header class=\"post-title entry-header\">\n\t\t\t\t<aside class=\"post-meta cf\">\n\t\t09\/02\/2021 \/ <a href=\"https:\/\/www.psib-psoe.org\/mallorca\/category\/federacio-de-mallorca\/\" rel=\"category tag\">Federaci\u00f3 de Mallorca<\/a>, <a href=\"https:\/\/www.psib-psoe.org\/mallorca\/category\/portada\/\" rel=\"category tag\">Portada<\/a><\/aside>\n\t\t\t\t<h3 itemprop=\"headline\"><a href=\"https:\/\/www.psib-psoe.org\/mallorca\/arranca-en-el-senado-la-ponencia-de-insularidad-con-las-comparecencias-de-los-presidentes-de-canarias-baleares-y-ceuta-y-melilla\/\" title=\"Arranca en el Senado la Ponencia de insularidad con las comparecencias de los Presidentes de Canarias, Baleares y Ceuta y Melilla\">Arranca en el Senado la Ponencia de insularidad con las comparecencias de los Presidentes de Canarias, Baleares y Ceuta y Melilla<\/a><\/h3>\n\t\t\t<\/header>\n\t\t<\/div>\n\t\t<div class=\"post-content\">\n\t\t\t<a href=\"https:\/\/www.psib-psoe.org\/mallorca\/arranca-en-el-senado-la-ponencia-de-insularidad-con-las-comparecencias-de-los-presidentes-de-canarias-baleares-y-ceuta-y-melilla\/\" class=\"more-link\">Read More<\/a>\n\t\t<\/div>\n\t\t\t<aside class=\"post-bottom-meta hide\">\n\t\t<strong rel=\"author\" itemprop=\"author\" class=\"author vcard\"><span class=\"fn\">Marc<\/span><\/strong>\n\t\t<time class=\"date published time\" datetime=\"2021-02-09T16:26:07+02:00\" itemprop=\"datePublished\" content=\"2021-02-09T16:26:07+02:00\">09\/02\/2021<\/time>\n\t\t<meta itemprop=\"dateModified\" class=\"date updated\" content=\"2021-02-09T16:26:07+02:00\">\n\t\t<span class=\"hide\" itemprop=\"publisher\" itemscope itemtype=\"https:\/\/schema.org\/Organization\">\n\t\t\t<meta itemprop=\"name\" content=\"SocialistesdMca\">\n\t\t\t<span itemprop=\"logo\" itemscope itemtype=\"https:\/\/schema.org\/ImageObject\">\n\t\t\t\t<meta itemprop=\"url\" content=\"https:\/\/www.psib-psoe.org\/mallorca\/wp-content\/themes\/notio-wp\/assets\/img\/logo.png\">\n\t\t\t<\/span>\n\t\t\t<meta itemprop=\"url\" content=\"https:\/\/www.psib-psoe.org\/mallorca\/\">\n\t\t<\/span>\n\t\t\t\t<span class=\"hide\" itemprop=\"image\" itemscope itemtype=\"http:\/\/schema.org\/ImageObject\">\n\t\t\t<meta itemprop=\"url\" content=\"https:\/\/www.psib-psoe.org\/mallorca\/wp-content\/uploads\/Cosme-pon\u00e8ncia-insularitat.jpeg\">\n\t\t\t<meta itemprop=\"width\" content=\"2048\">\n\t\t\t<meta itemprop=\"height\" content=\"1536\">\n\t\t<\/span>\n\t\t\t\t<meta itemscope itemprop=\"mainEntityOfPage\" itemtype=\"https:\/\/schema.org\/WebPage\" itemid=\"https:\/\/www.psib-psoe.org\/mallorca\/arranca-en-el-senado-la-ponencia-de-insularidad-con-las-comparecencias-de-los-presidentes-de-canarias-baleares-y-ceuta-y-melilla\/\">\n\t<\/aside>\n\t\t<\/article>\n<\/div>\n<div class=\"small-12 large-4 columns\">\n\t<article itemscope itemtype=\"http:\/\/schema.org\/Article\" class=\"post blog-style7 alt post-25715 type-post status-publish format-standard has-post-thumbnail hentry category-federacio-de-mallorca tag-federacio-socialista-de-mallorca\" role=\"article\">\n\t\t<figure class=\"post-gallery\"><img loading=\"lazy\" decoding=\"async\" width=\"600\" height=\"400\" src=\"https:\/\/www.psib-psoe.org\/mallorca\/wp-content\/uploads\/Cosme-Bonet-13-2-600x400.jpg\" class=\"attachment-notio-general-x2 size-notio-general-x2 wp-post-image\" alt=\"\" srcset=\"https:\/\/www.psib-psoe.org\/mallorca\/wp-content\/uploads\/Cosme-Bonet-13-2-600x400.jpg 600w, https:\/\/www.psib-psoe.org\/mallorca\/wp-content\/uploads\/Cosme-Bonet-13-2-300x200.jpg 300w, https:\/\/www.psib-psoe.org\/mallorca\/wp-content\/uploads\/Cosme-Bonet-13-2-768x512.jpg 768w, https:\/\/www.psib-psoe.org\/mallorca\/wp-content\/uploads\/Cosme-Bonet-13-2-1024x683.jpg 1024w, https:\/\/www.psib-psoe.org\/mallorca\/wp-content\/uploads\/Cosme-Bonet-13-2-150x100.jpg 150w, https:\/\/www.psib-psoe.org\/mallorca\/wp-content\/uploads\/Cosme-Bonet-13-2-900x600.jpg 900w, https:\/\/www.psib-psoe.org\/mallorca\/wp-content\/uploads\/Cosme-Bonet-13-2-20x13.jpg 20w\" sizes=\"(max-width: 600px) 100vw, 600px\" \/><\/figure>\n\t\t<div class=\"blog-top\">\n\t\t\t<header class=\"post-title entry-header\">\n\t\t\t\t<aside class=\"post-meta cf\">\n\t\t07\/02\/2021 \/ <a href=\"https:\/\/www.psib-psoe.org\/mallorca\/category\/federacio-de-mallorca\/\" rel=\"category tag\">Federaci\u00f3 de Mallorca<\/a><\/aside>\n\t\t\t\t<h3 itemprop=\"headline\"><a href=\"https:\/\/www.psib-psoe.org\/mallorca\/els-agermanats-defensors-de-la-causa-dels-oprimits-per-cosme-bonet\/\" title=\"\u201cEls agermanats, defensors de la causa dels oprimits\u201d, per Cosme Bonet\">\u201cEls agermanats, defensors de la causa dels oprimits\u201d, per Cosme Bonet<\/a><\/h3>\n\t\t\t<\/header>\n\t\t<\/div>\n\t\t<div class=\"post-content\">\n\t\t\t<a href=\"https:\/\/www.psib-psoe.org\/mallorca\/els-agermanats-defensors-de-la-causa-dels-oprimits-per-cosme-bonet\/\" class=\"more-link\">Read More<\/a>\n\t\t<\/div>\n\t\t\t<aside class=\"post-bottom-meta hide\">\n\t\t<strong rel=\"author\" itemprop=\"author\" class=\"author vcard\"><span class=\"fn\">adminpsib<\/span><\/strong>\n\t\t<time class=\"date published time\" datetime=\"2021-02-07T12:29:59+02:00\" itemprop=\"datePublished\" content=\"2021-02-07T12:29:59+02:00\">07\/02\/2021<\/time>\n\t\t<meta itemprop=\"dateModified\" class=\"date updated\" content=\"2021-02-07T12:29:59+02:00\">\n\t\t<span class=\"hide\" itemprop=\"publisher\" itemscope itemtype=\"https:\/\/schema.org\/Organization\">\n\t\t\t<meta itemprop=\"name\" content=\"SocialistesdMca\">\n\t\t\t<span itemprop=\"logo\" itemscope itemtype=\"https:\/\/schema.org\/ImageObject\">\n\t\t\t\t<meta itemprop=\"url\" content=\"https:\/\/www.psib-psoe.org\/mallorca\/wp-content\/themes\/notio-wp\/assets\/img\/logo.png\">\n\t\t\t<\/span>\n\t\t\t<meta itemprop=\"url\" content=\"https:\/\/www.psib-psoe.org\/mallorca\/\">\n\t\t<\/span>\n\t\t\t\t<span class=\"hide\" itemprop=\"image\" itemscope itemtype=\"http:\/\/schema.org\/ImageObject\">\n\t\t\t<meta itemprop=\"url\" content=\"https:\/\/www.psib-psoe.org\/mallorca\/wp-content\/uploads\/Cosme-Bonet-13-2.jpg\">\n\t\t\t<meta itemprop=\"width\" content=\"4896\">\n\t\t\t<meta itemprop=\"height\" content=\"3264\">\n\t\t<\/span>\n\t\t\t\t<meta itemscope itemprop=\"mainEntityOfPage\" itemtype=\"https:\/\/schema.org\/WebPage\" itemid=\"https:\/\/www.psib-psoe.org\/mallorca\/els-agermanats-defensors-de-la-causa-dels-oprimits-per-cosme-bonet\/\">\n\t<\/aside>\n\t\t<\/article>\n<\/div>\n<div class=\"small-12 large-4 columns\">\n\t<article itemscope itemtype=\"http:\/\/schema.org\/Article\" class=\"post blog-style7 alt post-25697 type-post status-publish format-standard has-post-thumbnail hentry category-federacio-de-mallorca category-portada\" role=\"article\">\n\t\t<figure class=\"post-gallery\"><img loading=\"lazy\" decoding=\"async\" width=\"600\" height=\"400\" src=\"https:\/\/www.psib-psoe.org\/mallorca\/wp-content\/uploads\/Jaume-Mateu-i-Juli-Dalmau-600x400.jpg\" class=\"attachment-notio-general-x2 size-notio-general-x2 wp-post-image\" alt=\"\" srcset=\"https:\/\/www.psib-psoe.org\/mallorca\/wp-content\/uploads\/Jaume-Mateu-i-Juli-Dalmau-600x400.jpg 600w, https:\/\/www.psib-psoe.org\/mallorca\/wp-content\/uploads\/Jaume-Mateu-i-Juli-Dalmau-300x200.jpg 300w, https:\/\/www.psib-psoe.org\/mallorca\/wp-content\/uploads\/Jaume-Mateu-i-Juli-Dalmau-20x13.jpg 20w, https:\/\/www.psib-psoe.org\/mallorca\/wp-content\/uploads\/Jaume-Mateu-i-Juli-Dalmau-900x600.jpg 900w\" sizes=\"(max-width: 600px) 100vw, 600px\" \/><\/figure>\n\t\t<div class=\"blog-top\">\n\t\t\t<header class=\"post-title entry-header\">\n\t\t\t\t<aside class=\"post-meta cf\">\n\t\t03\/02\/2021 \/ <a href=\"https:\/\/www.psib-psoe.org\/mallorca\/category\/federacio-de-mallorca\/\" rel=\"category tag\">Federaci\u00f3 de Mallorca<\/a>, <a href=\"https:\/\/www.psib-psoe.org\/mallorca\/category\/portada\/\" rel=\"category tag\">Portada<\/a><\/aside>\n\t\t\t\t<h3 itemprop=\"headline\"><a href=\"https:\/\/www.psib-psoe.org\/mallorca\/els-socialistes-de-mallorca-defensen-el-nou-sistema-tarifari-del-tib-perque-premia-als-usuaris-que-mes-emprin-el-servei-i-abarateix-el-preu-a-joves-i-pensionistes\/\" title=\"Els Socialistes de Mallorca defensen el nou sistema tarifari del TIB perqu\u00e8 \u201cpremia als usuaris que m\u00e9s emprin el servei i abarateix el preu a joves i pensionistes\u201d\">Els Socialistes de Mallorca defensen el nou sistema tarifari del TIB perqu\u00e8 \u201cpremia als usuaris que m\u00e9s emprin el servei i abarateix el preu a joves i pensionistes\u201d<\/a><\/h3>\n\t\t\t<\/header>\n\t\t<\/div>\n\t\t<div class=\"post-content\">\n\t\t\t<a href=\"https:\/\/www.psib-psoe.org\/mallorca\/els-socialistes-de-mallorca-defensen-el-nou-sistema-tarifari-del-tib-perque-premia-als-usuaris-que-mes-emprin-el-servei-i-abarateix-el-preu-a-joves-i-pensionistes\/\" class=\"more-link\">Read More<\/a>\n\t\t<\/div>\n\t\t\t<aside class=\"post-bottom-meta hide\">\n\t\t<strong rel=\"author\" itemprop=\"author\" class=\"author vcard\"><span class=\"fn\">Marc<\/span><\/strong>\n\t\t<time class=\"date published time\" datetime=\"2021-02-03T19:03:04+02:00\" itemprop=\"datePublished\" content=\"2021-02-03T19:03:04+02:00\">03\/02\/2021<\/time>\n\t\t<meta itemprop=\"dateModified\" class=\"date updated\" content=\"2021-02-03T19:03:04+02:00\">\n\t\t<span class=\"hide\" itemprop=\"publisher\" itemscope itemtype=\"https:\/\/schema.org\/Organization\">\n\t\t\t<meta itemprop=\"name\" content=\"SocialistesdMca\">\n\t\t\t<span itemprop=\"logo\" itemscope itemtype=\"https:\/\/schema.org\/ImageObject\">\n\t\t\t\t<meta itemprop=\"url\" content=\"https:\/\/www.psib-psoe.org\/mallorca\/wp-content\/themes\/notio-wp\/assets\/img\/logo.png\">\n\t\t\t<\/span>\n\t\t\t<meta itemprop=\"url\" content=\"https:\/\/www.psib-psoe.org\/mallorca\/\">\n\t\t<\/span>\n\t\t\t\t<span class=\"hide\" itemprop=\"image\" itemscope itemtype=\"http:\/\/schema.org\/ImageObject\">\n\t\t\t<meta itemprop=\"url\" content=\"https:\/\/www.psib-psoe.org\/mallorca\/wp-content\/uploads\/Jaume-Mateu-i-Juli-Dalmau.jpg\">\n\t\t\t<meta itemprop=\"width\" content=\"3699\">\n\t\t\t<meta itemprop=\"height\" content=\"2276\">\n\t\t<\/span>\n\t\t\t\t<meta itemscope itemprop=\"mainEntityOfPage\" itemtype=\"https:\/\/schema.org\/WebPage\" itemid=\"https:\/\/www.psib-psoe.org\/mallorca\/els-socialistes-de-mallorca-defensen-el-nou-sistema-tarifari-del-tib-perque-premia-als-usuaris-que-mes-emprin-el-servei-i-abarateix-el-preu-a-joves-i-pensionistes\/\">\n\t<\/aside>\n\t\t<\/article>\n<\/div>\n<div class=\"small-12 large-4 columns\">\n\t<article itemscope itemtype=\"http:\/\/schema.org\/Article\" class=\"post blog-style7 alt post-25694 type-post status-publish format-standard has-post-thumbnail hentry category-federacio-de-mallorca category-portada tag-federacio-socialista-de-mallorca\" role=\"article\">\n\t\t<figure class=\"post-gallery\"><img loading=\"lazy\" decoding=\"async\" width=\"600\" height=\"400\" src=\"https:\/\/www.psib-psoe.org\/mallorca\/wp-content\/uploads\/Garrido-Cabot-Borr\u00e0s-i-Ferrer-600x400.jpg\" class=\"attachment-notio-general-x2 size-notio-general-x2 wp-post-image\" alt=\"\" srcset=\"https:\/\/www.psib-psoe.org\/mallorca\/wp-content\/uploads\/Garrido-Cabot-Borr\u00e0s-i-Ferrer-600x400.jpg 600w, https:\/\/www.psib-psoe.org\/mallorca\/wp-content\/uploads\/Garrido-Cabot-Borr\u00e0s-i-Ferrer-300x200.jpg 300w, https:\/\/www.psib-psoe.org\/mallorca\/wp-content\/uploads\/Garrido-Cabot-Borr\u00e0s-i-Ferrer-900x600.jpg 900w, https:\/\/www.psib-psoe.org\/mallorca\/wp-content\/uploads\/Garrido-Cabot-Borr\u00e0s-i-Ferrer-20x13.jpg 20w\" sizes=\"(max-width: 600px) 100vw, 600px\" \/><\/figure>\n\t\t<div class=\"blog-top\">\n\t\t\t<header class=\"post-title entry-header\">\n\t\t\t\t<aside class=\"post-meta cf\">\n\t\t02\/02\/2021 \/ <a href=\"https:\/\/www.psib-psoe.org\/mallorca\/category\/federacio-de-mallorca\/\" rel=\"category tag\">Federaci\u00f3 de Mallorca<\/a>, <a href=\"https:\/\/www.psib-psoe.org\/mallorca\/category\/portada\/\" rel=\"category tag\">Portada<\/a><\/aside>\n\t\t\t\t<h3 itemprop=\"headline\"><a href=\"https:\/\/www.psib-psoe.org\/mallorca\/el-psib-psoe-demana-a-aena-que-consensui-amb-lajuntament-de-marratxi-els-futurs-usos-del-solar-vinculat-a-son-bonet\/\" title=\"El PSIB-PSOE demana a AENA que consensu\u00ef amb l\u2019Ajuntament de Marratx\u00ed els futurs usos del solar vinculat a Son Bonet\">El PSIB-PSOE demana a AENA que consensu\u00ef amb l\u2019Ajuntament de Marratx\u00ed els futurs usos del solar vinculat a Son Bonet<\/a><\/h3>\n\t\t\t<\/header>\n\t\t<\/div>\n\t\t<div class=\"post-content\">\n\t\t\t<a href=\"https:\/\/www.psib-psoe.org\/mallorca\/el-psib-psoe-demana-a-aena-que-consensui-amb-lajuntament-de-marratxi-els-futurs-usos-del-solar-vinculat-a-son-bonet\/\" class=\"more-link\">Read More<\/a>\n\t\t<\/div>\n\t\t\t<aside class=\"post-bottom-meta hide\">\n\t\t<strong rel=\"author\" itemprop=\"author\" class=\"author vcard\"><span class=\"fn\">adminpsib<\/span><\/strong>\n\t\t<time class=\"date published time\" datetime=\"2021-02-02T15:34:04+02:00\" itemprop=\"datePublished\" content=\"2021-02-02T15:34:04+02:00\">02\/02\/2021<\/time>\n\t\t<meta itemprop=\"dateModified\" class=\"date updated\" content=\"2021-02-05T11:23:40+02:00\">\n\t\t<span class=\"hide\" itemprop=\"publisher\" itemscope itemtype=\"https:\/\/schema.org\/Organization\">\n\t\t\t<meta itemprop=\"name\" content=\"SocialistesdMca\">\n\t\t\t<span itemprop=\"logo\" itemscope itemtype=\"https:\/\/schema.org\/ImageObject\">\n\t\t\t\t<meta itemprop=\"url\" content=\"https:\/\/www.psib-psoe.org\/mallorca\/wp-content\/themes\/notio-wp\/assets\/img\/logo.png\">\n\t\t\t<\/span>\n\t\t\t<meta itemprop=\"url\" content=\"https:\/\/www.psib-psoe.org\/mallorca\/\">\n\t\t<\/span>\n\t\t\t\t<span class=\"hide\" itemprop=\"image\" itemscope itemtype=\"http:\/\/schema.org\/ImageObject\">\n\t\t\t<meta itemprop=\"url\" content=\"https:\/\/www.psib-psoe.org\/mallorca\/wp-content\/uploads\/Garrido-Cabot-Borr\u00e0s-i-Ferrer.jpg\">\n\t\t\t<meta itemprop=\"width\" content=\"4032\">\n\t\t\t<meta itemprop=\"height\" content=\"3024\">\n\t\t<\/span>\n\t\t\t\t<meta itemscope itemprop=\"mainEntityOfPage\" itemtype=\"https:\/\/schema.org\/WebPage\" itemid=\"https:\/\/www.psib-psoe.org\/mallorca\/el-psib-psoe-demana-a-aena-que-consensui-amb-lajuntament-de-marratxi-els-futurs-usos-del-solar-vinculat-a-son-bonet\/\">\n\t<\/aside>\n\t\t<\/article>\n<\/div>\n<div class=\"small-12 large-4 columns\">\n\t<article itemscope itemtype=\"http:\/\/schema.org\/Article\" class=\"post blog-style7 alt post-25691 type-post status-publish format-standard has-post-thumbnail hentry category-federacio-de-mallorca category-municipis category-portada tag-catalina-cladera tag-consell-de-mallorca tag-covid19 tag-mercedes-garrido tag-reactivacio-economica tag-socialistes-de-mallorca\" role=\"article\">\n\t\t<figure class=\"post-gallery\"><img loading=\"lazy\" decoding=\"async\" width=\"600\" height=\"400\" src=\"https:\/\/www.psib-psoe.org\/mallorca\/wp-content\/uploads\/assemblea-regidors-mallorca-20210130-600x400.jpg\" class=\"attachment-notio-general-x2 size-notio-general-x2 wp-post-image\" alt=\"\" srcset=\"https:\/\/www.psib-psoe.org\/mallorca\/wp-content\/uploads\/assemblea-regidors-mallorca-20210130-600x400.jpg 600w, https:\/\/www.psib-psoe.org\/mallorca\/wp-content\/uploads\/assemblea-regidors-mallorca-20210130-300x200.jpg 300w, https:\/\/www.psib-psoe.org\/mallorca\/wp-content\/uploads\/assemblea-regidors-mallorca-20210130-900x600.jpg 900w, https:\/\/www.psib-psoe.org\/mallorca\/wp-content\/uploads\/assemblea-regidors-mallorca-20210130-20x13.jpg 20w\" sizes=\"(max-width: 600px) 100vw, 600px\" \/><\/figure>\n\t\t<div class=\"blog-top\">\n\t\t\t<header class=\"post-title entry-header\">\n\t\t\t\t<aside class=\"post-meta cf\">\n\t\t30\/01\/2021 \/ <a href=\"https:\/\/www.psib-psoe.org\/mallorca\/category\/federacio-de-mallorca\/\" rel=\"category tag\">Federaci\u00f3 de Mallorca<\/a>, <a href=\"https:\/\/www.psib-psoe.org\/mallorca\/category\/municipis\/\" rel=\"category tag\">Municipis<\/a>, <a href=\"https:\/\/www.psib-psoe.org\/mallorca\/category\/portada\/\" rel=\"category tag\">Portada<\/a><\/aside>\n\t\t\t\t<h3 itemprop=\"headline\"><a href=\"https:\/\/www.psib-psoe.org\/mallorca\/els-batles-i-batlesses-socialistes-refermen-el-seu-compromis-per-impulsar-totes-les-ajudes-que-estiguin-al-seu-abast-per-palliar-els-efectes-de-les-restriccions\/\" title=\"Els batles i batlesses socialistes refermen el seu comprom\u00eds per impulsar totes les ajudes que estiguin al seu abast per pal\u00b7liar els efectes de les restriccions\">Els batles i batlesses socialistes refermen el seu comprom\u00eds per impulsar totes les ajudes que estiguin al seu abast per pal\u00b7liar els efectes de les restriccions<\/a><\/h3>\n\t\t\t<\/header>\n\t\t<\/div>\n\t\t<div class=\"post-content\">\n\t\t\t<a href=\"https:\/\/www.psib-psoe.org\/mallorca\/els-batles-i-batlesses-socialistes-refermen-el-seu-compromis-per-impulsar-totes-les-ajudes-que-estiguin-al-seu-abast-per-palliar-els-efectes-de-les-restriccions\/\" class=\"more-link\">Read More<\/a>\n\t\t<\/div>\n\t\t\t<aside class=\"post-bottom-meta hide\">\n\t\t<strong rel=\"author\" itemprop=\"author\" class=\"author vcard\"><span class=\"fn\">Albert<\/span><\/strong>\n\t\t<time class=\"date published time\" datetime=\"2021-01-30T15:42:05+02:00\" itemprop=\"datePublished\" content=\"2021-01-30T15:42:05+02:00\">30\/01\/2021<\/time>\n\t\t<meta itemprop=\"dateModified\" class=\"date updated\" content=\"2021-01-30T15:42:05+02:00\">\n\t\t<span class=\"hide\" itemprop=\"publisher\" itemscope itemtype=\"https:\/\/schema.org\/Organization\">\n\t\t\t<meta itemprop=\"name\" content=\"SocialistesdMca\">\n\t\t\t<span itemprop=\"logo\" itemscope itemtype=\"https:\/\/schema.org\/ImageObject\">\n\t\t\t\t<meta itemprop=\"url\" content=\"https:\/\/www.psib-psoe.org\/mallorca\/wp-content\/themes\/notio-wp\/assets\/img\/logo.png\">\n\t\t\t<\/span>\n\t\t\t<meta itemprop=\"url\" content=\"https:\/\/www.psib-psoe.org\/mallorca\/\">\n\t\t<\/span>\n\t\t\t\t<span class=\"hide\" itemprop=\"image\" itemscope itemtype=\"http:\/\/schema.org\/ImageObject\">\n\t\t\t<meta itemprop=\"url\" content=\"https:\/\/www.psib-psoe.org\/mallorca\/wp-content\/uploads\/assemblea-regidors-mallorca-20210130.jpg\">\n\t\t\t<meta itemprop=\"width\" content=\"2000\">\n\t\t\t<meta itemprop=\"height\" content=\"1500\">\n\t\t<\/span>\n\t\t\t\t<meta itemscope itemprop=\"mainEntityOfPage\" itemtype=\"https:\/\/schema.org\/WebPage\" itemid=\"https:\/\/www.psib-psoe.org\/mallorca\/els-batles-i-batlesses-socialistes-refermen-el-seu-compromis-per-impulsar-totes-les-ajudes-que-estiguin-al-seu-abast-per-palliar-els-efectes-de-les-restriccions\/\">\n\t<\/aside>\n\t\t<\/article>\n<\/div>\n<div class=\"small-12 large-4 columns\">\n\t<article itemscope itemtype=\"http:\/\/schema.org\/Article\" class=\"post blog-style7 alt post-25679 type-post status-publish format-standard has-post-thumbnail hentry category-federacio-de-mallorca category-portada tag-federacio-socialista-de-mallorca\" role=\"article\">\n\t\t<figure class=\"post-gallery\"><img loading=\"lazy\" decoding=\"async\" width=\"600\" height=\"400\" src=\"https:\/\/www.psib-psoe.org\/mallorca\/wp-content\/uploads\/Pons-i-Bonet-Roda-de-premsa-20210129-600x400.jpg\" class=\"attachment-notio-general-x2 size-notio-general-x2 wp-post-image\" alt=\"\" srcset=\"https:\/\/www.psib-psoe.org\/mallorca\/wp-content\/uploads\/Pons-i-Bonet-Roda-de-premsa-20210129-600x400.jpg 600w, https:\/\/www.psib-psoe.org\/mallorca\/wp-content\/uploads\/Pons-i-Bonet-Roda-de-premsa-20210129-300x200.jpg 300w, https:\/\/www.psib-psoe.org\/mallorca\/wp-content\/uploads\/Pons-i-Bonet-Roda-de-premsa-20210129-900x600.jpg 900w, https:\/\/www.psib-psoe.org\/mallorca\/wp-content\/uploads\/Pons-i-Bonet-Roda-de-premsa-20210129-20x13.jpg 20w\" sizes=\"(max-width: 600px) 100vw, 600px\" \/><\/figure>\n\t\t<div class=\"blog-top\">\n\t\t\t<header class=\"post-title entry-header\">\n\t\t\t\t<aside class=\"post-meta cf\">\n\t\t29\/01\/2021 \/ <a href=\"https:\/\/www.psib-psoe.org\/mallorca\/category\/federacio-de-mallorca\/\" rel=\"category tag\">Federaci\u00f3 de Mallorca<\/a>, <a href=\"https:\/\/www.psib-psoe.org\/mallorca\/category\/portada\/\" rel=\"category tag\">Portada<\/a><\/aside>\n\t\t\t\t<h3 itemprop=\"headline\"><a href=\"https:\/\/www.psib-psoe.org\/mallorca\/el-psib-psoe-demana-explicacions-al-pp-per-intentar-bloquejar-el-desplegament-dels-140-000-milions-deuros-dels-fons-europeus-2\/\" title=\"EL PSIB-PSOE demana explicacions al PP per intentar bloquejar el desplegament dels 140.000 milions d\u2019euros dels fons europeus\">EL PSIB-PSOE demana explicacions al PP per intentar bloquejar el desplegament dels 140.000 milions d\u2019euros dels fons europeus<\/a><\/h3>\n\t\t\t<\/header>\n\t\t<\/div>\n\t\t<div class=\"post-content\">\n\t\t\t<a href=\"https:\/\/www.psib-psoe.org\/mallorca\/el-psib-psoe-demana-explicacions-al-pp-per-intentar-bloquejar-el-desplegament-dels-140-000-milions-deuros-dels-fons-europeus-2\/\" class=\"more-link\">Read More<\/a>\n\t\t<\/div>\n\t\t\t<aside class=\"post-bottom-meta hide\">\n\t\t<strong rel=\"author\" itemprop=\"author\" class=\"author vcard\"><span class=\"fn\">adminpsib<\/span><\/strong>\n\t\t<time class=\"date published time\" datetime=\"2021-01-29T12:58:15+02:00\" itemprop=\"datePublished\" content=\"2021-01-29T12:58:15+02:00\">29\/01\/2021<\/time>\n\t\t<meta itemprop=\"dateModified\" class=\"date updated\" content=\"2021-01-29T14:07:17+02:00\">\n\t\t<span class=\"hide\" itemprop=\"publisher\" itemscope itemtype=\"https:\/\/schema.org\/Organization\">\n\t\t\t<meta itemprop=\"name\" content=\"SocialistesdMca\">\n\t\t\t<span itemprop=\"logo\" itemscope itemtype=\"https:\/\/schema.org\/ImageObject\">\n\t\t\t\t<meta itemprop=\"url\" content=\"https:\/\/www.psib-psoe.org\/mallorca\/wp-content\/themes\/notio-wp\/assets\/img\/logo.png\">\n\t\t\t<\/span>\n\t\t\t<meta itemprop=\"url\" content=\"https:\/\/www.psib-psoe.org\/mallorca\/\">\n\t\t<\/span>\n\t\t\t\t<span class=\"hide\" itemprop=\"image\" itemscope itemtype=\"http:\/\/schema.org\/ImageObject\">\n\t\t\t<meta itemprop=\"url\" content=\"https:\/\/www.psib-psoe.org\/mallorca\/wp-content\/uploads\/Pons-i-Bonet-Roda-de-premsa-20210129.jpg\">\n\t\t\t<meta itemprop=\"width\" content=\"2000\">\n\t\t\t<meta itemprop=\"height\" content=\"1500\">\n\t\t<\/span>\n\t\t\t\t<meta itemscope itemprop=\"mainEntityOfPage\" itemtype=\"https:\/\/schema.org\/WebPage\" itemid=\"https:\/\/www.psib-psoe.org\/mallorca\/el-psib-psoe-demana-explicacions-al-pp-per-intentar-bloquejar-el-desplegament-dels-140-000-milions-deuros-dels-fons-europeus-2\/\">\n\t<\/aside>\n\t\t<\/article>\n<\/div>\n<div class=\"small-12 large-4 columns\">\n\t<article itemscope itemtype=\"http:\/\/schema.org\/Article\" class=\"post blog-style7 alt post-25683 type-post status-publish format-standard has-post-thumbnail hentry category-federacio-de-mallorca category-portada tag-federacio-socialista-de-mallorca\" role=\"article\">\n\t\t<figure class=\"post-gallery\"><img loading=\"lazy\" decoding=\"async\" width=\"600\" height=\"400\" src=\"https:\/\/www.psib-psoe.org\/mallorca\/wp-content\/uploads\/Pons-i-Bonet-Roda-de-premsa-20210129-1-600x400.jpg\" class=\"attachment-notio-general-x2 size-notio-general-x2 wp-post-image\" alt=\"\" srcset=\"https:\/\/www.psib-psoe.org\/mallorca\/wp-content\/uploads\/Pons-i-Bonet-Roda-de-premsa-20210129-1-600x400.jpg 600w, https:\/\/www.psib-psoe.org\/mallorca\/wp-content\/uploads\/Pons-i-Bonet-Roda-de-premsa-20210129-1-300x200.jpg 300w, https:\/\/www.psib-psoe.org\/mallorca\/wp-content\/uploads\/Pons-i-Bonet-Roda-de-premsa-20210129-1-900x600.jpg 900w, https:\/\/www.psib-psoe.org\/mallorca\/wp-content\/uploads\/Pons-i-Bonet-Roda-de-premsa-20210129-1-20x13.jpg 20w\" sizes=\"(max-width: 600px) 100vw, 600px\" \/><\/figure>\n\t\t<div class=\"blog-top\">\n\t\t\t<header class=\"post-title entry-header\">\n\t\t\t\t<aside class=\"post-meta cf\">\n\t\t29\/01\/2021 \/ <a href=\"https:\/\/www.psib-psoe.org\/mallorca\/category\/federacio-de-mallorca\/\" rel=\"category tag\">Federaci\u00f3 de Mallorca<\/a>, <a href=\"https:\/\/www.psib-psoe.org\/mallorca\/category\/portada\/\" rel=\"category tag\">Portada<\/a><\/aside>\n\t\t\t\t<h3 itemprop=\"headline\"><a href=\"https:\/\/www.psib-psoe.org\/mallorca\/el-psib-psoe-demana-explicacions-al-pp-per-intentar-bloquejar-el-desplegament-dels-140-000-milions-deuros-dels-fons-europeus\/\" title=\"EL PSIB-PSOE demana explicacions al PP per intentar bloquejar el desplegament dels 140.000 milions d\u2019euros dels fons europeus\">EL PSIB-PSOE demana explicacions al PP per intentar bloquejar el desplegament dels 140.000 milions d\u2019euros dels fons europeus<\/a><\/h3>\n\t\t\t<\/header>\n\t\t<\/div>\n\t\t<div class=\"post-content\">\n\t\t\t<a href=\"https:\/\/www.psib-psoe.org\/mallorca\/el-psib-psoe-demana-explicacions-al-pp-per-intentar-bloquejar-el-desplegament-dels-140-000-milions-deuros-dels-fons-europeus\/\" class=\"more-link\">Read More<\/a>\n\t\t<\/div>\n\t\t\t<aside class=\"post-bottom-meta hide\">\n\t\t<strong rel=\"author\" itemprop=\"author\" class=\"author vcard\"><span class=\"fn\">adminpsib<\/span><\/strong>\n\t\t<time class=\"date published time\" datetime=\"2021-01-29T12:58:15+02:00\" itemprop=\"datePublished\" content=\"2021-01-29T12:58:15+02:00\">29\/01\/2021<\/time>\n\t\t<meta itemprop=\"dateModified\" class=\"date updated\" content=\"2021-02-05T11:23:58+02:00\">\n\t\t<span class=\"hide\" itemprop=\"publisher\" itemscope itemtype=\"https:\/\/schema.org\/Organization\">\n\t\t\t<meta itemprop=\"name\" content=\"SocialistesdMca\">\n\t\t\t<span itemprop=\"logo\" itemscope itemtype=\"https:\/\/schema.org\/ImageObject\">\n\t\t\t\t<meta itemprop=\"url\" content=\"https:\/\/www.psib-psoe.org\/mallorca\/wp-content\/themes\/notio-wp\/assets\/img\/logo.png\">\n\t\t\t<\/span>\n\t\t\t<meta itemprop=\"url\" content=\"https:\/\/www.psib-psoe.org\/mallorca\/\">\n\t\t<\/span>\n\t\t\t\t<span class=\"hide\" itemprop=\"image\" itemscope itemtype=\"http:\/\/schema.org\/ImageObject\">\n\t\t\t<meta itemprop=\"url\" content=\"https:\/\/www.psib-psoe.org\/mallorca\/wp-content\/uploads\/Pons-i-Bonet-Roda-de-premsa-20210129-1.jpg\">\n\t\t\t<meta itemprop=\"width\" content=\"2000\">\n\t\t\t<meta itemprop=\"height\" content=\"1500\">\n\t\t<\/span>\n\t\t\t\t<meta itemscope itemprop=\"mainEntityOfPage\" itemtype=\"https:\/\/schema.org\/WebPage\" itemid=\"https:\/\/www.psib-psoe.org\/mallorca\/el-psib-psoe-demana-explicacions-al-pp-per-intentar-bloquejar-el-desplegament-dels-140-000-milions-deuros-dels-fons-europeus\/\">\n\t<\/aside>\n\t\t<\/article>\n<\/div>\n<div class=\"small-12 large-4 columns\">\n\t<article itemscope itemtype=\"http:\/\/schema.org\/Article\" class=\"post blog-style7 alt post-25657 type-post status-publish format-standard has-post-thumbnail hentry category-federacio-de-mallorca category-portada tag-ajudes tag-catalina-cladera tag-covid19 tag-fsm tag-mercedes-garrido tag-pla-de-xoc tag-rosario-sanchez\" role=\"article\">\n\t\t<figure class=\"post-gallery\"><img loading=\"lazy\" decoding=\"async\" width=\"600\" height=\"400\" src=\"https:\/\/www.psib-psoe.org\/mallorca\/wp-content\/uploads\/20210119-Trobada-FSM-Pla-de-Xoc-600x400.jpeg\" class=\"attachment-notio-general-x2 size-notio-general-x2 wp-post-image\" alt=\"\" srcset=\"https:\/\/www.psib-psoe.org\/mallorca\/wp-content\/uploads\/20210119-Trobada-FSM-Pla-de-Xoc-600x400.jpeg 600w, https:\/\/www.psib-psoe.org\/mallorca\/wp-content\/uploads\/20210119-Trobada-FSM-Pla-de-Xoc-300x200.jpeg 300w, https:\/\/www.psib-psoe.org\/mallorca\/wp-content\/uploads\/20210119-Trobada-FSM-Pla-de-Xoc-900x600.jpeg 900w, https:\/\/www.psib-psoe.org\/mallorca\/wp-content\/uploads\/20210119-Trobada-FSM-Pla-de-Xoc-20x13.jpeg 20w\" sizes=\"(max-width: 600px) 100vw, 600px\" \/><\/figure>\n\t\t<div class=\"blog-top\">\n\t\t\t<header class=\"post-title entry-header\">\n\t\t\t\t<aside class=\"post-meta cf\">\n\t\t19\/01\/2021 \/ <a href=\"https:\/\/www.psib-psoe.org\/mallorca\/category\/federacio-de-mallorca\/\" rel=\"category tag\">Federaci\u00f3 de Mallorca<\/a>, <a href=\"https:\/\/www.psib-psoe.org\/mallorca\/category\/portada\/\" rel=\"category tag\">Portada<\/a><\/aside>\n\t\t\t\t<h3 itemprop=\"headline\"><a href=\"https:\/\/www.psib-psoe.org\/mallorca\/trobada-fsm-pla-xoc-covid\/\" title=\"Els Socialistes de Mallorca refermen el seu comprom\u00eds de seguir acompanyant els sectors m\u00e9s afectats per la crisi de la Covid-19\">Els Socialistes de Mallorca refermen el seu comprom\u00eds de seguir acompanyant els sectors m\u00e9s afectats per la crisi de la Covid-19<\/a><\/h3>\n\t\t\t<\/header>\n\t\t<\/div>\n\t\t<div class=\"post-content\">\n\t\t\t<a href=\"https:\/\/www.psib-psoe.org\/mallorca\/trobada-fsm-pla-xoc-covid\/\" class=\"more-link\">Read More<\/a>\n\t\t<\/div>\n\t\t\t<aside class=\"post-bottom-meta hide\">\n\t\t<strong rel=\"author\" itemprop=\"author\" class=\"author vcard\"><span class=\"fn\">Joana Aina S\u00e1nchez<\/span><\/strong>\n\t\t<time class=\"date published time\" datetime=\"2021-01-19T19:20:47+02:00\" itemprop=\"datePublished\" content=\"2021-01-19T19:20:47+02:00\">19\/01\/2021<\/time>\n\t\t<meta itemprop=\"dateModified\" class=\"date updated\" content=\"2021-02-05T11:29:34+02:00\">\n\t\t<span class=\"hide\" itemprop=\"publisher\" itemscope itemtype=\"https:\/\/schema.org\/Organization\">\n\t\t\t<meta itemprop=\"name\" content=\"SocialistesdMca\">\n\t\t\t<span itemprop=\"logo\" itemscope itemtype=\"https:\/\/schema.org\/ImageObject\">\n\t\t\t\t<meta itemprop=\"url\" content=\"https:\/\/www.psib-psoe.org\/mallorca\/wp-content\/themes\/notio-wp\/assets\/img\/logo.png\">\n\t\t\t<\/span>\n\t\t\t<meta itemprop=\"url\" content=\"https:\/\/www.psib-psoe.org\/mallorca\/\">\n\t\t<\/span>\n\t\t\t\t<span class=\"hide\" itemprop=\"image\" itemscope itemtype=\"http:\/\/schema.org\/ImageObject\">\n\t\t\t<meta itemprop=\"url\" content=\"https:\/\/www.psib-psoe.org\/mallorca\/wp-content\/uploads\/20210119-Trobada-FSM-Pla-de-Xoc.jpeg\">\n\t\t\t<meta itemprop=\"width\" content=\"1600\">\n\t\t\t<meta itemprop=\"height\" content=\"1200\">\n\t\t<\/span>\n\t\t\t\t<meta itemscope itemprop=\"mainEntityOfPage\" itemtype=\"https:\/\/schema.org\/WebPage\" itemid=\"https:\/\/www.psib-psoe.org\/mallorca\/trobada-fsm-pla-xoc-covid\/\">\n\t<\/aside>\n\t\t<\/article>\n<\/div>\n<div class=\"small-12 large-4 columns\">\n\t<article itemscope itemtype=\"http:\/\/schema.org\/Article\" class=\"post blog-style7 alt post-25650 type-post status-publish format-standard has-post-thumbnail hentry category-federacio-de-mallorca category-portada\" role=\"article\">\n\t\t<figure class=\"post-gallery\"><img loading=\"lazy\" decoding=\"async\" width=\"600\" height=\"400\" src=\"https:\/\/www.psib-psoe.org\/mallorca\/wp-content\/uploads\/Mercedes-Garrido-i-Juli-Dalmau-18-01-21-600x400.jpg\" class=\"attachment-notio-general-x2 size-notio-general-x2 wp-post-image\" alt=\"\" srcset=\"https:\/\/www.psib-psoe.org\/mallorca\/wp-content\/uploads\/Mercedes-Garrido-i-Juli-Dalmau-18-01-21-600x400.jpg 600w, https:\/\/www.psib-psoe.org\/mallorca\/wp-content\/uploads\/Mercedes-Garrido-i-Juli-Dalmau-18-01-21-300x200.jpg 300w, https:\/\/www.psib-psoe.org\/mallorca\/wp-content\/uploads\/Mercedes-Garrido-i-Juli-Dalmau-18-01-21-900x600.jpg 900w, https:\/\/www.psib-psoe.org\/mallorca\/wp-content\/uploads\/Mercedes-Garrido-i-Juli-Dalmau-18-01-21-20x13.jpg 20w\" sizes=\"(max-width: 600px) 100vw, 600px\" \/><\/figure>\n\t\t<div class=\"blog-top\">\n\t\t\t<header class=\"post-title entry-header\">\n\t\t\t\t<aside class=\"post-meta cf\">\n\t\t18\/01\/2021 \/ <a href=\"https:\/\/www.psib-psoe.org\/mallorca\/category\/federacio-de-mallorca\/\" rel=\"category tag\">Federaci\u00f3 de Mallorca<\/a>, <a href=\"https:\/\/www.psib-psoe.org\/mallorca\/category\/portada\/\" rel=\"category tag\">Portada<\/a><\/aside>\n\t\t\t\t<h3 itemprop=\"headline\"><a href=\"https:\/\/www.psib-psoe.org\/mallorca\/els-socialistes-de-mallorca-presentaran-una-iniciativa-a-tots-els-ajuntaments-de-lilla-per-demanar-que-no-escatimin-cap-esforc-ni-recurs-en-palliar-els-efectes-de-les-noves-restriccions\/\" title=\"Els Socialistes de Mallorca presentaran una iniciativa a tots els ajuntaments de l\u2019illa per demanar que no escatimin cap esfor\u00e7 ni recurs en pal\u00b7liar els efectes de les noves restriccions\">Els Socialistes de Mallorca presentaran una iniciativa a tots els ajuntaments de l\u2019illa per demanar que no escatimin cap esfor\u00e7 ni recurs en pal\u00b7liar els efectes de les noves restriccions<\/a><\/h3>\n\t\t\t<\/header>\n\t\t<\/div>\n\t\t<div class=\"post-content\">\n\t\t\t<a href=\"https:\/\/www.psib-psoe.org\/mallorca\/els-socialistes-de-mallorca-presentaran-una-iniciativa-a-tots-els-ajuntaments-de-lilla-per-demanar-que-no-escatimin-cap-esforc-ni-recurs-en-palliar-els-efectes-de-les-noves-restriccions\/\" class=\"more-link\">Read More<\/a>\n\t\t<\/div>\n\t\t\t<aside class=\"post-bottom-meta hide\">\n\t\t<strong rel=\"author\" itemprop=\"author\" class=\"author vcard\"><span class=\"fn\">Marc<\/span><\/strong>\n\t\t<time class=\"date published time\" datetime=\"2021-01-18T14:05:49+02:00\" itemprop=\"datePublished\" content=\"2021-01-18T14:05:49+02:00\">18\/01\/2021<\/time>\n\t\t<meta itemprop=\"dateModified\" class=\"date updated\" content=\"2021-01-18T14:05:49+02:00\">\n\t\t<span class=\"hide\" itemprop=\"publisher\" itemscope itemtype=\"https:\/\/schema.org\/Organization\">\n\t\t\t<meta itemprop=\"name\" content=\"SocialistesdMca\">\n\t\t\t<span itemprop=\"logo\" itemscope itemtype=\"https:\/\/schema.org\/ImageObject\">\n\t\t\t\t<meta itemprop=\"url\" content=\"https:\/\/www.psib-psoe.org\/mallorca\/wp-content\/themes\/notio-wp\/assets\/img\/logo.png\">\n\t\t\t<\/span>\n\t\t\t<meta itemprop=\"url\" content=\"https:\/\/www.psib-psoe.org\/mallorca\/\">\n\t\t<\/span>\n\t\t\t\t<span class=\"hide\" itemprop=\"image\" itemscope itemtype=\"http:\/\/schema.org\/ImageObject\">\n\t\t\t<meta itemprop=\"url\" content=\"https:\/\/www.psib-psoe.org\/mallorca\/wp-content\/uploads\/Mercedes-Garrido-i-Juli-Dalmau-18-01-21.jpg\">\n\t\t\t<meta itemprop=\"width\" content=\"3692\">\n\t\t\t<meta itemprop=\"height\" content=\"2790\">\n\t\t<\/span>\n\t\t\t\t<meta itemscope itemprop=\"mainEntityOfPage\" itemtype=\"https:\/\/schema.org\/WebPage\" itemid=\"https:\/\/www.psib-psoe.org\/mallorca\/els-socialistes-de-mallorca-presentaran-una-iniciativa-a-tots-els-ajuntaments-de-lilla-per-demanar-que-no-escatimin-cap-esforc-ni-recurs-en-palliar-els-efectes-de-les-noves-restriccions\/\">\n\t<\/aside>\n\t\t<\/article>\n<\/div>\n<div class=\"small-12 large-4 columns\">\n\t<article itemscope itemtype=\"http:\/\/schema.org\/Article\" class=\"post blog-style7 alt post-25635 type-post status-publish format-standard has-post-thumbnail hentry category-federacio-de-mallorca category-portada tag-federacio-socialista-de-mallorca\" role=\"article\">\n\t\t<figure class=\"post-gallery\"><img loading=\"lazy\" decoding=\"async\" width=\"600\" height=\"400\" src=\"https:\/\/www.psib-psoe.org\/mallorca\/wp-content\/uploads\/Cosme-Bonet-Senat-600x400.jpeg\" class=\"attachment-notio-general-x2 size-notio-general-x2 wp-post-image\" alt=\"\" srcset=\"https:\/\/www.psib-psoe.org\/mallorca\/wp-content\/uploads\/Cosme-Bonet-Senat-600x400.jpeg 600w, https:\/\/www.psib-psoe.org\/mallorca\/wp-content\/uploads\/Cosme-Bonet-Senat-300x200.jpeg 300w, https:\/\/www.psib-psoe.org\/mallorca\/wp-content\/uploads\/Cosme-Bonet-Senat-768x512.jpeg 768w, https:\/\/www.psib-psoe.org\/mallorca\/wp-content\/uploads\/Cosme-Bonet-Senat-1024x682.jpeg 1024w, https:\/\/www.psib-psoe.org\/mallorca\/wp-content\/uploads\/Cosme-Bonet-Senat-150x100.jpeg 150w, https:\/\/www.psib-psoe.org\/mallorca\/wp-content\/uploads\/Cosme-Bonet-Senat-900x600.jpeg 900w, https:\/\/www.psib-psoe.org\/mallorca\/wp-content\/uploads\/Cosme-Bonet-Senat-20x13.jpeg 20w, https:\/\/www.psib-psoe.org\/mallorca\/wp-content\/uploads\/Cosme-Bonet-Senat.jpeg 1600w\" sizes=\"(max-width: 600px) 100vw, 600px\" \/><\/figure>\n\t\t<div class=\"blog-top\">\n\t\t\t<header class=\"post-title entry-header\">\n\t\t\t\t<aside class=\"post-meta cf\">\n\t\t05\/01\/2021 \/ <a href=\"https:\/\/www.psib-psoe.org\/mallorca\/category\/federacio-de-mallorca\/\" rel=\"category tag\">Federaci\u00f3 de Mallorca<\/a>, <a href=\"https:\/\/www.psib-psoe.org\/mallorca\/category\/portada\/\" rel=\"category tag\">Portada<\/a><\/aside>\n\t\t\t\t<h3 itemprop=\"headline\"><a href=\"https:\/\/www.psib-psoe.org\/mallorca\/els-socialistes-demanaran-en-el-senat-homenatjar-les-persones-lgtbi-que-varen-ser-doblement-represaliades-en-la-guerra-civil-i-el-franquisme\/\" title=\"Els socialistes demanaran en el Senat homenatjar les persones LGTBI que varen ser \u201cdoblement represaliades\u201d en la Guerra Civil i el franquisme\">Els socialistes demanaran en el Senat homenatjar les persones LGTBI que varen ser \u201cdoblement represaliades\u201d en la Guerra Civil i el franquisme<\/a><\/h3>\n\t\t\t<\/header>\n\t\t<\/div>\n\t\t<div class=\"post-content\">\n\t\t\t<a href=\"https:\/\/www.psib-psoe.org\/mallorca\/els-socialistes-demanaran-en-el-senat-homenatjar-les-persones-lgtbi-que-varen-ser-doblement-represaliades-en-la-guerra-civil-i-el-franquisme\/\" class=\"more-link\">Read More<\/a>\n\t\t<\/div>\n\t\t\t<aside class=\"post-bottom-meta hide\">\n\t\t<strong rel=\"author\" itemprop=\"author\" class=\"author vcard\"><span class=\"fn\">adminpsib<\/span><\/strong>\n\t\t<time class=\"date published time\" datetime=\"2021-01-05T13:00:53+02:00\" itemprop=\"datePublished\" content=\"2021-01-05T13:00:53+02:00\">05\/01\/2021<\/time>\n\t\t<meta itemprop=\"dateModified\" class=\"date updated\" content=\"2021-01-05T13:04:55+02:00\">\n\t\t<span class=\"hide\" itemprop=\"publisher\" itemscope itemtype=\"https:\/\/schema.org\/Organization\">\n\t\t\t<meta itemprop=\"name\" content=\"SocialistesdMca\">\n\t\t\t<span itemprop=\"logo\" itemscope itemtype=\"https:\/\/schema.org\/ImageObject\">\n\t\t\t\t<meta itemprop=\"url\" content=\"https:\/\/www.psib-psoe.org\/mallorca\/wp-content\/themes\/notio-wp\/assets\/img\/logo.png\">\n\t\t\t<\/span>\n\t\t\t<meta itemprop=\"url\" content=\"https:\/\/www.psib-psoe.org\/mallorca\/\">\n\t\t<\/span>\n\t\t\t\t<span class=\"hide\" itemprop=\"image\" itemscope itemtype=\"http:\/\/schema.org\/ImageObject\">\n\t\t\t<meta itemprop=\"url\" content=\"https:\/\/www.psib-psoe.org\/mallorca\/wp-content\/uploads\/Cosme-Bonet-Senat.jpeg\">\n\t\t\t<meta itemprop=\"width\" content=\"1600\">\n\t\t\t<meta itemprop=\"height\" content=\"1066\">\n\t\t<\/span>\n\t\t\t\t<meta itemscope itemprop=\"mainEntityOfPage\" itemtype=\"https:\/\/schema.org\/WebPage\" itemid=\"https:\/\/www.psib-psoe.org\/mallorca\/els-socialistes-demanaran-en-el-senat-homenatjar-les-persones-lgtbi-que-varen-ser-doblement-represaliades-en-la-guerra-civil-i-el-franquisme\/\">\n\t<\/aside>\n\t\t<\/article>\n<\/div>\n<div class=\"small-12 large-4 columns\">\n\t<article itemscope itemtype=\"http:\/\/schema.org\/Article\" class=\"post blog-style7 alt post-25633 type-post status-publish format-standard has-post-thumbnail hentry category-federacio-de-mallorca category-municipis category-portada tag-federacio-de-mallorca tag-llucmajor tag-socialistes-de-llucmajor tag-transfuguisme\" role=\"article\">\n\t\t<figure class=\"post-gallery\"><img loading=\"lazy\" decoding=\"async\" width=\"600\" height=\"400\" src=\"https:\/\/www.psib-psoe.org\/mallorca\/wp-content\/uploads\/presentacio-candidat-llucmajor-gori-estarellas-a-badies-1-600x400.jpeg\" class=\"attachment-notio-general-x2 size-notio-general-x2 wp-post-image\" alt=\"\" srcset=\"https:\/\/www.psib-psoe.org\/mallorca\/wp-content\/uploads\/presentacio-candidat-llucmajor-gori-estarellas-a-badies-1-600x400.jpeg 600w, https:\/\/www.psib-psoe.org\/mallorca\/wp-content\/uploads\/presentacio-candidat-llucmajor-gori-estarellas-a-badies-1-300x200.jpeg 300w, https:\/\/www.psib-psoe.org\/mallorca\/wp-content\/uploads\/presentacio-candidat-llucmajor-gori-estarellas-a-badies-1-768x513.jpeg 768w, https:\/\/www.psib-psoe.org\/mallorca\/wp-content\/uploads\/presentacio-candidat-llucmajor-gori-estarellas-a-badies-1-150x100.jpeg 150w, https:\/\/www.psib-psoe.org\/mallorca\/wp-content\/uploads\/presentacio-candidat-llucmajor-gori-estarellas-a-badies-1-900x600.jpeg 900w, https:\/\/www.psib-psoe.org\/mallorca\/wp-content\/uploads\/presentacio-candidat-llucmajor-gori-estarellas-a-badies-1-20x13.jpeg 20w, https:\/\/www.psib-psoe.org\/mallorca\/wp-content\/uploads\/presentacio-candidat-llucmajor-gori-estarellas-a-badies-1.jpeg 1000w\" sizes=\"(max-width: 600px) 100vw, 600px\" \/><\/figure>\n\t\t<div class=\"blog-top\">\n\t\t\t<header class=\"post-title entry-header\">\n\t\t\t\t<aside class=\"post-meta cf\">\n\t\t04\/01\/2021 \/ <a href=\"https:\/\/www.psib-psoe.org\/mallorca\/category\/federacio-de-mallorca\/\" rel=\"category tag\">Federaci\u00f3 de Mallorca<\/a>, <a href=\"https:\/\/www.psib-psoe.org\/mallorca\/category\/municipis\/\" rel=\"category tag\">Municipis<\/a>, <a href=\"https:\/\/www.psib-psoe.org\/mallorca\/category\/portada\/\" rel=\"category tag\">Portada<\/a><\/aside>\n\t\t\t\t<h3 itemprop=\"headline\"><a href=\"https:\/\/www.psib-psoe.org\/mallorca\/els-socialistes-de-mallorca-lamenten-que-el-pi-de-llucmajor-hagi-decidit-girar-cap-a-la-ultradreta-i-sumar-se-a-un-govern-sustentat-per-transfugues\/\" title=\"Els Socialistes de Mallorca lamenten que El Pi de Llucmajor hagi decidit girar cap a la ultradreta i sumar-se a un govern sustentat per tr\u00e0nsfugues\">Els Socialistes de Mallorca lamenten que El Pi de Llucmajor hagi decidit girar cap a la ultradreta i sumar-se a un govern sustentat per tr\u00e0nsfugues<\/a><\/h3>\n\t\t\t<\/header>\n\t\t<\/div>\n\t\t<div class=\"post-content\">\n\t\t\t<a href=\"https:\/\/www.psib-psoe.org\/mallorca\/els-socialistes-de-mallorca-lamenten-que-el-pi-de-llucmajor-hagi-decidit-girar-cap-a-la-ultradreta-i-sumar-se-a-un-govern-sustentat-per-transfugues\/\" class=\"more-link\">Read More<\/a>\n\t\t<\/div>\n\t\t\t<aside class=\"post-bottom-meta hide\">\n\t\t<strong rel=\"author\" itemprop=\"author\" class=\"author vcard\"><span class=\"fn\">Albert<\/span><\/strong>\n\t\t<time class=\"date published time\" datetime=\"2021-01-04T18:48:28+02:00\" itemprop=\"datePublished\" content=\"2021-01-04T18:48:28+02:00\">04\/01\/2021<\/time>\n\t\t<meta itemprop=\"dateModified\" class=\"date updated\" content=\"2021-01-05T13:04:48+02:00\">\n\t\t<span class=\"hide\" itemprop=\"publisher\" itemscope itemtype=\"https:\/\/schema.org\/Organization\">\n\t\t\t<meta itemprop=\"name\" content=\"SocialistesdMca\">\n\t\t\t<span itemprop=\"logo\" itemscope itemtype=\"https:\/\/schema.org\/ImageObject\">\n\t\t\t\t<meta itemprop=\"url\" content=\"https:\/\/www.psib-psoe.org\/mallorca\/wp-content\/themes\/notio-wp\/assets\/img\/logo.png\">\n\t\t\t<\/span>\n\t\t\t<meta itemprop=\"url\" content=\"https:\/\/www.psib-psoe.org\/mallorca\/\">\n\t\t<\/span>\n\t\t\t\t<span class=\"hide\" itemprop=\"image\" itemscope itemtype=\"http:\/\/schema.org\/ImageObject\">\n\t\t\t<meta itemprop=\"url\" content=\"https:\/\/www.psib-psoe.org\/mallorca\/wp-content\/uploads\/presentacio-candidat-llucmajor-gori-estarellas-a-badies-1.jpeg\">\n\t\t\t<meta itemprop=\"width\" content=\"1000\">\n\t\t\t<meta itemprop=\"height\" content=\"668\">\n\t\t<\/span>\n\t\t\t\t<meta itemscope itemprop=\"mainEntityOfPage\" itemtype=\"https:\/\/schema.org\/WebPage\" itemid=\"https:\/\/www.psib-psoe.org\/mallorca\/els-socialistes-de-mallorca-lamenten-que-el-pi-de-llucmajor-hagi-decidit-girar-cap-a-la-ultradreta-i-sumar-se-a-un-govern-sustentat-per-transfugues\/\">\n\t<\/aside>\n\t\t<\/article>\n<\/div>\n<div class=\"small-12 large-4 columns\">\n\t<article itemscope itemtype=\"http:\/\/schema.org\/Article\" class=\"post blog-style7 alt post-25622 type-post status-publish format-standard has-post-thumbnail hentry category-federacio-de-mallorca category-portada tag-federacio-socialista-de-mallorca\" role=\"article\">\n\t\t<figure class=\"post-gallery\"><img loading=\"lazy\" decoding=\"async\" width=\"600\" height=\"400\" src=\"https:\/\/www.psib-psoe.org\/mallorca\/wp-content\/uploads\/Susanna-14-10-20-600x400.jpg\" class=\"attachment-notio-general-x2 size-notio-general-x2 wp-post-image\" alt=\"\" srcset=\"https:\/\/www.psib-psoe.org\/mallorca\/wp-content\/uploads\/Susanna-14-10-20-600x400.jpg 600w, https:\/\/www.psib-psoe.org\/mallorca\/wp-content\/uploads\/Susanna-14-10-20-300x200.jpg 300w, https:\/\/www.psib-psoe.org\/mallorca\/wp-content\/uploads\/Susanna-14-10-20-900x600.jpg 900w, https:\/\/www.psib-psoe.org\/mallorca\/wp-content\/uploads\/Susanna-14-10-20-20x13.jpg 20w\" sizes=\"(max-width: 600px) 100vw, 600px\" \/><\/figure>\n\t\t<div class=\"blog-top\">\n\t\t\t<header class=\"post-title entry-header\">\n\t\t\t\t<aside class=\"post-meta cf\">\n\t\t23\/12\/2020 \/ <a href=\"https:\/\/www.psib-psoe.org\/mallorca\/category\/federacio-de-mallorca\/\" rel=\"category tag\">Federaci\u00f3 de Mallorca<\/a>, <a href=\"https:\/\/www.psib-psoe.org\/mallorca\/category\/portada\/\" rel=\"category tag\">Portada<\/a><\/aside>\n\t\t\t\t<h3 itemprop=\"headline\"><a href=\"https:\/\/www.psib-psoe.org\/mallorca\/el-psib-psoe-destaca-que-la-lomloe-implica-una-gran-passa-cap-a-un-model-educatiu-mes-modern-avancat-equitatiu-i-inclusiu\/\" title=\"El PSIB-PSOE destaca que la LOMLOE \u201cimplica una gran passa cap a un model educatiu m\u00e9s modern, avan\u00e7at, equitatiu i inclusiu\u201d\">El PSIB-PSOE destaca que la LOMLOE \u201cimplica una gran passa cap a un model educatiu m\u00e9s modern, avan\u00e7at, equitatiu i inclusiu\u201d<\/a><\/h3>\n\t\t\t<\/header>\n\t\t<\/div>\n\t\t<div class=\"post-content\">\n\t\t\t<a href=\"https:\/\/www.psib-psoe.org\/mallorca\/el-psib-psoe-destaca-que-la-lomloe-implica-una-gran-passa-cap-a-un-model-educatiu-mes-modern-avancat-equitatiu-i-inclusiu\/\" class=\"more-link\">Read More<\/a>\n\t\t<\/div>\n\t\t\t<aside class=\"post-bottom-meta hide\">\n\t\t<strong rel=\"author\" itemprop=\"author\" class=\"author vcard\"><span class=\"fn\">adminpsib<\/span><\/strong>\n\t\t<time class=\"date published time\" datetime=\"2020-12-23T19:37:50+02:00\" itemprop=\"datePublished\" content=\"2020-12-23T19:37:50+02:00\">23\/12\/2020<\/time>\n\t\t<meta itemprop=\"dateModified\" class=\"date updated\" content=\"2020-12-23T19:40:03+02:00\">\n\t\t<span class=\"hide\" itemprop=\"publisher\" itemscope itemtype=\"https:\/\/schema.org\/Organization\">\n\t\t\t<meta itemprop=\"name\" content=\"SocialistesdMca\">\n\t\t\t<span itemprop=\"logo\" itemscope itemtype=\"https:\/\/schema.org\/ImageObject\">\n\t\t\t\t<meta itemprop=\"url\" content=\"https:\/\/www.psib-psoe.org\/mallorca\/wp-content\/themes\/notio-wp\/assets\/img\/logo.png\">\n\t\t\t<\/span>\n\t\t\t<meta itemprop=\"url\" content=\"https:\/\/www.psib-psoe.org\/mallorca\/\">\n\t\t<\/span>\n\t\t\t\t<span class=\"hide\" itemprop=\"image\" itemscope itemtype=\"http:\/\/schema.org\/ImageObject\">\n\t\t\t<meta itemprop=\"url\" content=\"https:\/\/www.psib-psoe.org\/mallorca\/wp-content\/uploads\/Susanna-14-10-20.jpg\">\n\t\t\t<meta itemprop=\"width\" content=\"2000\">\n\t\t\t<meta itemprop=\"height\" content=\"1500\">\n\t\t<\/span>\n\t\t\t\t<meta itemscope itemprop=\"mainEntityOfPage\" itemtype=\"https:\/\/schema.org\/WebPage\" itemid=\"https:\/\/www.psib-psoe.org\/mallorca\/el-psib-psoe-destaca-que-la-lomloe-implica-una-gran-passa-cap-a-un-model-educatiu-mes-modern-avancat-equitatiu-i-inclusiu\/\">\n\t<\/aside>\n\t\t<\/article>\n<\/div>\n<div class=\"small-12 large-4 columns\">\n\t<article itemscope itemtype=\"http:\/\/schema.org\/Article\" class=\"post blog-style7 alt post-25599 type-post status-publish format-standard has-post-thumbnail hentry category-federacio-de-mallorca tag-federacio-socialista-de-mallorca\" role=\"article\">\n\t\t<figure class=\"post-gallery\"><img loading=\"lazy\" decoding=\"async\" width=\"600\" height=\"400\" src=\"https:\/\/www.psib-psoe.org\/mallorca\/wp-content\/uploads\/Cosme-Susanna-i-Patricia-04-02-20-600x400.jpg\" class=\"attachment-notio-general-x2 size-notio-general-x2 wp-post-image\" alt=\"\" srcset=\"https:\/\/www.psib-psoe.org\/mallorca\/wp-content\/uploads\/Cosme-Susanna-i-Patricia-04-02-20-600x400.jpg 600w, https:\/\/www.psib-psoe.org\/mallorca\/wp-content\/uploads\/Cosme-Susanna-i-Patricia-04-02-20-300x200.jpg 300w, https:\/\/www.psib-psoe.org\/mallorca\/wp-content\/uploads\/Cosme-Susanna-i-Patricia-04-02-20-20x13.jpg 20w\" sizes=\"(max-width: 600px) 100vw, 600px\" \/><\/figure>\n\t\t<div class=\"blog-top\">\n\t\t\t<header class=\"post-title entry-header\">\n\t\t\t\t<aside class=\"post-meta cf\">\n\t\t06\/12\/2020 \/ <a href=\"https:\/\/www.psib-psoe.org\/mallorca\/category\/federacio-de-mallorca\/\" rel=\"category tag\">Federaci\u00f3 de Mallorca<\/a><\/aside>\n\t\t\t\t<h3 itemprop=\"headline\"><a href=\"https:\/\/www.psib-psoe.org\/mallorca\/el-psib-psoe-demanara-al-govern-despanya-que-continui-impulsant-mesures-per-protegir-el-mar-balear-de-les-prospeccions-petrolieres\/\" title=\"El PSIB-PSOE demanar\u00e0 al Govern d\u2019Espanya que continu\u00ef impulsant mesures per protegir el mar balear de les prospeccions petrolieres\">El PSIB-PSOE demanar\u00e0 al Govern d\u2019Espanya que continu\u00ef impulsant mesures per protegir el mar balear de les prospeccions petrolieres<\/a><\/h3>\n\t\t\t<\/header>\n\t\t<\/div>\n\t\t<div class=\"post-content\">\n\t\t\t<a href=\"https:\/\/www.psib-psoe.org\/mallorca\/el-psib-psoe-demanara-al-govern-despanya-que-continui-impulsant-mesures-per-protegir-el-mar-balear-de-les-prospeccions-petrolieres\/\" class=\"more-link\">Read More<\/a>\n\t\t<\/div>\n\t\t\t<aside class=\"post-bottom-meta hide\">\n\t\t<strong rel=\"author\" itemprop=\"author\" class=\"author vcard\"><span class=\"fn\">adminpsib<\/span><\/strong>\n\t\t<time class=\"date published time\" datetime=\"2020-12-06T11:20:56+02:00\" itemprop=\"datePublished\" content=\"2020-12-06T11:20:56+02:00\">06\/12\/2020<\/time>\n\t\t<meta itemprop=\"dateModified\" class=\"date updated\" content=\"2020-12-06T11:20:56+02:00\">\n\t\t<span class=\"hide\" itemprop=\"publisher\" itemscope itemtype=\"https:\/\/schema.org\/Organization\">\n\t\t\t<meta itemprop=\"name\" content=\"SocialistesdMca\">\n\t\t\t<span itemprop=\"logo\" itemscope itemtype=\"https:\/\/schema.org\/ImageObject\">\n\t\t\t\t<meta itemprop=\"url\" content=\"https:\/\/www.psib-psoe.org\/mallorca\/wp-content\/themes\/notio-wp\/assets\/img\/logo.png\">\n\t\t\t<\/span>\n\t\t\t<meta itemprop=\"url\" content=\"https:\/\/www.psib-psoe.org\/mallorca\/\">\n\t\t<\/span>\n\t\t\t\t<span class=\"hide\" itemprop=\"image\" itemscope itemtype=\"http:\/\/schema.org\/ImageObject\">\n\t\t\t<meta itemprop=\"url\" content=\"https:\/\/www.psib-psoe.org\/mallorca\/wp-content\/uploads\/Cosme-Susanna-i-Patricia-04-02-20.jpg\">\n\t\t\t<meta itemprop=\"width\" content=\"900\">\n\t\t\t<meta itemprop=\"height\" content=\"485\">\n\t\t<\/span>\n\t\t\t\t<meta itemscope itemprop=\"mainEntityOfPage\" itemtype=\"https:\/\/schema.org\/WebPage\" itemid=\"https:\/\/www.psib-psoe.org\/mallorca\/el-psib-psoe-demanara-al-govern-despanya-que-continui-impulsant-mesures-per-protegir-el-mar-balear-de-les-prospeccions-petrolieres\/\">\n\t<\/aside>\n\t\t<\/article>\n<\/div>\n<div class=\"small-12 large-4 columns\">\n\t<article itemscope itemtype=\"http:\/\/schema.org\/Article\" class=\"post blog-style7 alt post-25596 type-post status-publish format-standard has-post-thumbnail hentry category-consell-de-mallorca category-federacio-de-mallorca category-municipis category-portada\" role=\"article\">\n\t\t<figure class=\"post-gallery\"><img loading=\"lazy\" decoding=\"async\" width=\"600\" height=\"400\" src=\"https:\/\/www.psib-psoe.org\/mallorca\/wp-content\/uploads\/Pressupost-CIM-21-Municipis-600x400.jpg\" class=\"attachment-notio-general-x2 size-notio-general-x2 wp-post-image\" alt=\"\" srcset=\"https:\/\/www.psib-psoe.org\/mallorca\/wp-content\/uploads\/Pressupost-CIM-21-Municipis-600x400.jpg 600w, https:\/\/www.psib-psoe.org\/mallorca\/wp-content\/uploads\/Pressupost-CIM-21-Municipis-300x200.jpg 300w, https:\/\/www.psib-psoe.org\/mallorca\/wp-content\/uploads\/Pressupost-CIM-21-Municipis-20x13.jpg 20w, https:\/\/www.psib-psoe.org\/mallorca\/wp-content\/uploads\/Pressupost-CIM-21-Municipis-900x600.jpg 900w\" sizes=\"(max-width: 600px) 100vw, 600px\" \/><\/figure>\n\t\t<div class=\"blog-top\">\n\t\t\t<header class=\"post-title entry-header\">\n\t\t\t\t<aside class=\"post-meta cf\">\n\t\t03\/12\/2020 \/ <a href=\"https:\/\/www.psib-psoe.org\/mallorca\/category\/consell-de-mallorca\/\" rel=\"category tag\">Consell de Mallorca<\/a>, <a href=\"https:\/\/www.psib-psoe.org\/mallorca\/category\/federacio-de-mallorca\/\" rel=\"category tag\">Federaci\u00f3 de Mallorca<\/a>, <a href=\"https:\/\/www.psib-psoe.org\/mallorca\/category\/municipis\/\" rel=\"category tag\">Municipis<\/a>, <a href=\"https:\/\/www.psib-psoe.org\/mallorca\/category\/portada\/\" rel=\"category tag\">Portada<\/a><\/aside>\n\t\t\t\t<h3 itemprop=\"headline\"><a href=\"https:\/\/www.psib-psoe.org\/mallorca\/els-socialistes-de-mallorca-defensen-els-pressuposts-que-faran-costat-als-ajuntaments-per-sortir-de-la-crisi\/\" title=\"Els socialistes de Mallorca defensen \u201cels pressuposts que faran costat als Ajuntaments per sortir de la crisi\u201d\">Els socialistes de Mallorca defensen \u201cels pressuposts que faran costat als Ajuntaments per sortir de la crisi\u201d<\/a><\/h3>\n\t\t\t<\/header>\n\t\t<\/div>\n\t\t<div class=\"post-content\">\n\t\t\t<a href=\"https:\/\/www.psib-psoe.org\/mallorca\/els-socialistes-de-mallorca-defensen-els-pressuposts-que-faran-costat-als-ajuntaments-per-sortir-de-la-crisi\/\" class=\"more-link\">Read More<\/a>\n\t\t<\/div>\n\t\t\t<aside class=\"post-bottom-meta hide\">\n\t\t<strong rel=\"author\" itemprop=\"author\" class=\"author vcard\"><span class=\"fn\">Marc<\/span><\/strong>\n\t\t<time class=\"date published time\" datetime=\"2020-12-03T18:58:14+02:00\" itemprop=\"datePublished\" content=\"2020-12-03T18:58:14+02:00\">03\/12\/2020<\/time>\n\t\t<meta itemprop=\"dateModified\" class=\"date updated\" content=\"2021-02-05T11:33:08+02:00\">\n\t\t<span class=\"hide\" itemprop=\"publisher\" itemscope itemtype=\"https:\/\/schema.org\/Organization\">\n\t\t\t<meta itemprop=\"name\" content=\"SocialistesdMca\">\n\t\t\t<span itemprop=\"logo\" itemscope itemtype=\"https:\/\/schema.org\/ImageObject\">\n\t\t\t\t<meta itemprop=\"url\" content=\"https:\/\/www.psib-psoe.org\/mallorca\/wp-content\/themes\/notio-wp\/assets\/img\/logo.png\">\n\t\t\t<\/span>\n\t\t\t<meta itemprop=\"url\" content=\"https:\/\/www.psib-psoe.org\/mallorca\/\">\n\t\t<\/span>\n\t\t\t\t<span class=\"hide\" itemprop=\"image\" itemscope itemtype=\"http:\/\/schema.org\/ImageObject\">\n\t\t\t<meta itemprop=\"url\" content=\"https:\/\/www.psib-psoe.org\/mallorca\/wp-content\/uploads\/Pressupost-CIM-21-Municipis.jpg\">\n\t\t\t<meta itemprop=\"width\" content=\"1588\">\n\t\t\t<meta itemprop=\"height\" content=\"957\">\n\t\t<\/span>\n\t\t\t\t<meta itemscope itemprop=\"mainEntityOfPage\" itemtype=\"https:\/\/schema.org\/WebPage\" itemid=\"https:\/\/www.psib-psoe.org\/mallorca\/els-socialistes-de-mallorca-defensen-els-pressuposts-que-faran-costat-als-ajuntaments-per-sortir-de-la-crisi\/\">\n\t<\/aside>\n\t\t<\/article>\n<\/div>\n<div class=\"small-12 large-4 columns\">\n\t<article itemscope itemtype=\"http:\/\/schema.org\/Article\" class=\"post blog-style7 alt post-25593 type-post status-publish format-standard has-post-thumbnail hentry category-federacio-de-mallorca tag-federacio-socialista-de-mallorca\" role=\"article\">\n\t\t<figure class=\"post-gallery\"><img loading=\"lazy\" decoding=\"async\" width=\"600\" height=\"400\" src=\"https:\/\/www.psib-psoe.org\/mallorca\/wp-content\/uploads\/Cosme-Bonet-pon\u00e8ncia-insularitat-600x400.jpg\" class=\"attachment-notio-general-x2 size-notio-general-x2 wp-post-image\" alt=\"\" srcset=\"https:\/\/www.psib-psoe.org\/mallorca\/wp-content\/uploads\/Cosme-Bonet-pon\u00e8ncia-insularitat-600x400.jpg 600w, https:\/\/www.psib-psoe.org\/mallorca\/wp-content\/uploads\/Cosme-Bonet-pon\u00e8ncia-insularitat-300x200.jpg 300w, https:\/\/www.psib-psoe.org\/mallorca\/wp-content\/uploads\/Cosme-Bonet-pon\u00e8ncia-insularitat-768x512.jpg 768w, https:\/\/www.psib-psoe.org\/mallorca\/wp-content\/uploads\/Cosme-Bonet-pon\u00e8ncia-insularitat-1024x683.jpg 1024w, https:\/\/www.psib-psoe.org\/mallorca\/wp-content\/uploads\/Cosme-Bonet-pon\u00e8ncia-insularitat-150x100.jpg 150w, https:\/\/www.psib-psoe.org\/mallorca\/wp-content\/uploads\/Cosme-Bonet-pon\u00e8ncia-insularitat-900x600.jpg 900w, https:\/\/www.psib-psoe.org\/mallorca\/wp-content\/uploads\/Cosme-Bonet-pon\u00e8ncia-insularitat-20x13.jpg 20w\" sizes=\"(max-width: 600px) 100vw, 600px\" \/><\/figure>\n\t\t<div class=\"blog-top\">\n\t\t\t<header class=\"post-title entry-header\">\n\t\t\t\t<aside class=\"post-meta cf\">\n\t\t03\/12\/2020 \/ <a href=\"https:\/\/www.psib-psoe.org\/mallorca\/category\/federacio-de-mallorca\/\" rel=\"category tag\">Federaci\u00f3 de Mallorca<\/a><\/aside>\n\t\t\t\t<h3 itemprop=\"headline\"><a href=\"https:\/\/www.psib-psoe.org\/mallorca\/el-senat-constitueix-a-proposta-socialista-la-ponencia-destudi-sobre-la-insularitat-i-designa-com-a-ponent-el-senador-per-mallorca-cosme-bonet\/\" title=\"El Senat constitueix, a proposta socialista, la Pon\u00e8ncia d\u2019Estudi sobre la insularitat i designa com a ponent el senador per Mallorca Cosme Bonet\">El Senat constitueix, a proposta socialista, la Pon\u00e8ncia d\u2019Estudi sobre la insularitat i designa com a ponent el senador per Mallorca Cosme Bonet<\/a><\/h3>\n\t\t\t<\/header>\n\t\t<\/div>\n\t\t<div class=\"post-content\">\n\t\t\t<a href=\"https:\/\/www.psib-psoe.org\/mallorca\/el-senat-constitueix-a-proposta-socialista-la-ponencia-destudi-sobre-la-insularitat-i-designa-com-a-ponent-el-senador-per-mallorca-cosme-bonet\/\" class=\"more-link\">Read More<\/a>\n\t\t<\/div>\n\t\t\t<aside class=\"post-bottom-meta hide\">\n\t\t<strong rel=\"author\" itemprop=\"author\" class=\"author vcard\"><span class=\"fn\">adminpsib<\/span><\/strong>\n\t\t<time class=\"date published time\" datetime=\"2020-12-03T14:31:26+02:00\" itemprop=\"datePublished\" content=\"2020-12-03T14:31:26+02:00\">03\/12\/2020<\/time>\n\t\t<meta itemprop=\"dateModified\" class=\"date updated\" content=\"2020-12-03T14:31:26+02:00\">\n\t\t<span class=\"hide\" itemprop=\"publisher\" itemscope itemtype=\"https:\/\/schema.org\/Organization\">\n\t\t\t<meta itemprop=\"name\" content=\"SocialistesdMca\">\n\t\t\t<span itemprop=\"logo\" itemscope itemtype=\"https:\/\/schema.org\/ImageObject\">\n\t\t\t\t<meta itemprop=\"url\" content=\"https:\/\/www.psib-psoe.org\/mallorca\/wp-content\/themes\/notio-wp\/assets\/img\/logo.png\">\n\t\t\t<\/span>\n\t\t\t<meta itemprop=\"url\" content=\"https:\/\/www.psib-psoe.org\/mallorca\/\">\n\t\t<\/span>\n\t\t\t\t<span class=\"hide\" itemprop=\"image\" itemscope itemtype=\"http:\/\/schema.org\/ImageObject\">\n\t\t\t<meta itemprop=\"url\" content=\"https:\/\/www.psib-psoe.org\/mallorca\/wp-content\/uploads\/Cosme-Bonet-pon\u00e8ncia-insularitat.jpg\">\n\t\t\t<meta itemprop=\"width\" content=\"6720\">\n\t\t\t<meta itemprop=\"height\" content=\"4480\">\n\t\t<\/span>\n\t\t\t\t<meta itemscope itemprop=\"mainEntityOfPage\" itemtype=\"https:\/\/schema.org\/WebPage\" itemid=\"https:\/\/www.psib-psoe.org\/mallorca\/el-senat-constitueix-a-proposta-socialista-la-ponencia-destudi-sobre-la-insularitat-i-designa-com-a-ponent-el-senador-per-mallorca-cosme-bonet\/\">\n\t<\/aside>\n\t\t<\/article>\n<\/div>\n<div class=\"small-12 large-4 columns\">\n\t<article itemscope itemtype=\"http:\/\/schema.org\/Article\" class=\"post blog-style7 alt post-25586 type-post status-publish format-standard hentry category-federacio-de-mallorca\" role=\"article\">\n\t\t<figure class=\"post-gallery\"><\/figure>\n\t\t<div class=\"blog-top\">\n\t\t\t<header class=\"post-title entry-header\">\n\t\t\t\t<aside class=\"post-meta cf\">\n\t\t30\/11\/2020 \/ <a href=\"https:\/\/www.psib-psoe.org\/mallorca\/category\/federacio-de-mallorca\/\" rel=\"category tag\">Federaci\u00f3 de Mallorca<\/a><\/aside>\n\t\t\t\t<h3 itemprop=\"headline\"><a href=\"https:\/\/www.psib-psoe.org\/mallorca\/fsm-executiva-pressuposts\/\" title=\"Els i les Socialistes de Mallorca expressen el seu suport a uns pressuposts insulars que \u201cdonen una resposta valenta i contundent a la crisi perqu\u00e8 ning\u00fa quedi enrere\u201d\">Els i les Socialistes de Mallorca expressen el seu suport a uns pressuposts insulars que \u201cdonen una resposta valenta i contundent a la crisi perqu\u00e8 ning\u00fa quedi enrere\u201d<\/a><\/h3>\n\t\t\t<\/header>\n\t\t<\/div>\n\t\t<div class=\"post-content\">\n\t\t\t<a href=\"https:\/\/www.psib-psoe.org\/mallorca\/fsm-executiva-pressuposts\/\" class=\"more-link\">Read More<\/a>\n\t\t<\/div>\n\t\t\t<aside class=\"post-bottom-meta hide\">\n\t\t<strong rel=\"author\" itemprop=\"author\" class=\"author vcard\"><span class=\"fn\">Joana Aina S\u00e1nchez<\/span><\/strong>\n\t\t<time class=\"date published time\" datetime=\"2020-11-30T19:53:03+02:00\" itemprop=\"datePublished\" content=\"2020-11-30T19:53:03+02:00\">30\/11\/2020<\/time>\n\t\t<meta itemprop=\"dateModified\" class=\"date updated\" content=\"2021-02-05T11:33:26+02:00\">\n\t\t<span class=\"hide\" itemprop=\"publisher\" itemscope itemtype=\"https:\/\/schema.org\/Organization\">\n\t\t\t<meta itemprop=\"name\" content=\"SocialistesdMca\">\n\t\t\t<span itemprop=\"logo\" itemscope itemtype=\"https:\/\/schema.org\/ImageObject\">\n\t\t\t\t<meta itemprop=\"url\" content=\"https:\/\/www.psib-psoe.org\/mallorca\/wp-content\/themes\/notio-wp\/assets\/img\/logo.png\">\n\t\t\t<\/span>\n\t\t\t<meta itemprop=\"url\" content=\"https:\/\/www.psib-psoe.org\/mallorca\/\">\n\t\t<\/span>\n\t\t\t\t<meta itemscope itemprop=\"mainEntityOfPage\" itemtype=\"https:\/\/schema.org\/WebPage\" itemid=\"https:\/\/www.psib-psoe.org\/mallorca\/fsm-executiva-pressuposts\/\">\n\t<\/aside>\n\t\t<\/article>\n<\/div>\n<div class=\"small-12 large-4 columns\">\n\t<article itemscope itemtype=\"http:\/\/schema.org\/Article\" class=\"post blog-style7 alt post-25570 type-post status-publish format-standard has-post-thumbnail hentry category-federacio-de-mallorca tag-federacio-socialista-de-mallorca\" role=\"article\">\n\t\t<figure class=\"post-gallery\"><img loading=\"lazy\" decoding=\"async\" width=\"600\" height=\"345\" src=\"https:\/\/www.psib-psoe.org\/mallorca\/wp-content\/uploads\/Cosme-Bonet-12-11-20-600x345.png\" class=\"attachment-notio-general-x2 size-notio-general-x2 wp-post-image\" alt=\"\" srcset=\"https:\/\/www.psib-psoe.org\/mallorca\/wp-content\/uploads\/Cosme-Bonet-12-11-20-600x345.png 600w, https:\/\/www.psib-psoe.org\/mallorca\/wp-content\/uploads\/Cosme-Bonet-12-11-20-20x13.png 20w\" sizes=\"(max-width: 600px) 100vw, 600px\" \/><\/figure>\n\t\t<div class=\"blog-top\">\n\t\t\t<header class=\"post-title entry-header\">\n\t\t\t\t<aside class=\"post-meta cf\">\n\t\t12\/11\/2020 \/ <a href=\"https:\/\/www.psib-psoe.org\/mallorca\/category\/federacio-de-mallorca\/\" rel=\"category tag\">Federaci\u00f3 de Mallorca<\/a><\/aside>\n\t\t\t\t<h3 itemprop=\"headline\"><a href=\"https:\/\/www.psib-psoe.org\/mallorca\/el-senat-aprova-la-creacio-duna-ponencia-destudi-sobre-la-insularitat-a-proposta-del-psib-psoe\/\" title=\"El Senat aprova la creaci\u00f3 d\u2019una pon\u00e8ncia d\u2019estudi sobre la insularitat, a proposta del PSIB-PSOE\">El Senat aprova la creaci\u00f3 d\u2019una pon\u00e8ncia d\u2019estudi sobre la insularitat, a proposta del PSIB-PSOE<\/a><\/h3>\n\t\t\t<\/header>\n\t\t<\/div>\n\t\t<div class=\"post-content\">\n\t\t\t<a href=\"https:\/\/www.psib-psoe.org\/mallorca\/el-senat-aprova-la-creacio-duna-ponencia-destudi-sobre-la-insularitat-a-proposta-del-psib-psoe\/\" class=\"more-link\">Read More<\/a>\n\t\t<\/div>\n\t\t\t<aside class=\"post-bottom-meta hide\">\n\t\t<strong rel=\"author\" itemprop=\"author\" class=\"author vcard\"><span class=\"fn\">adminpsib<\/span><\/strong>\n\t\t<time class=\"date published time\" datetime=\"2020-11-12T13:38:57+02:00\" itemprop=\"datePublished\" content=\"2020-11-12T13:38:57+02:00\">12\/11\/2020<\/time>\n\t\t<meta itemprop=\"dateModified\" class=\"date updated\" content=\"2020-11-12T13:38:57+02:00\">\n\t\t<span class=\"hide\" itemprop=\"publisher\" itemscope itemtype=\"https:\/\/schema.org\/Organization\">\n\t\t\t<meta itemprop=\"name\" content=\"SocialistesdMca\">\n\t\t\t<span itemprop=\"logo\" itemscope itemtype=\"https:\/\/schema.org\/ImageObject\">\n\t\t\t\t<meta itemprop=\"url\" content=\"https:\/\/www.psib-psoe.org\/mallorca\/wp-content\/themes\/notio-wp\/assets\/img\/logo.png\">\n\t\t\t<\/span>\n\t\t\t<meta itemprop=\"url\" content=\"https:\/\/www.psib-psoe.org\/mallorca\/\">\n\t\t<\/span>\n\t\t\t\t<span class=\"hide\" itemprop=\"image\" itemscope itemtype=\"http:\/\/schema.org\/ImageObject\">\n\t\t\t<meta itemprop=\"url\" content=\"https:\/\/www.psib-psoe.org\/mallorca\/wp-content\/uploads\/Cosme-Bonet-12-11-20.png\">\n\t\t\t<meta itemprop=\"width\" content=\"615\">\n\t\t\t<meta itemprop=\"height\" content=\"345\">\n\t\t<\/span>\n\t\t\t\t<meta itemscope itemprop=\"mainEntityOfPage\" itemtype=\"https:\/\/schema.org\/WebPage\" itemid=\"https:\/\/www.psib-psoe.org\/mallorca\/el-senat-aprova-la-creacio-duna-ponencia-destudi-sobre-la-insularitat-a-proposta-del-psib-psoe\/\">\n\t<\/aside>\n\t\t<\/article>\n<\/div>\n<div class=\"small-12 large-4 columns\">\n\t<article itemscope itemtype=\"http:\/\/schema.org\/Article\" class=\"post blog-style7 alt post-25536 type-post status-publish format-standard has-post-thumbnail hentry category-federacio-de-mallorca category-municipis category-portada\" role=\"article\">\n\t\t<figure class=\"post-gallery\"><img loading=\"lazy\" decoding=\"async\" width=\"600\" height=\"400\" src=\"https:\/\/www.psib-psoe.org\/mallorca\/wp-content\/uploads\/Assemblea-Regidors-i-Regidores-FSM-31-10-20-600x400.jpg\" class=\"attachment-notio-general-x2 size-notio-general-x2 wp-post-image\" alt=\"\" srcset=\"https:\/\/www.psib-psoe.org\/mallorca\/wp-content\/uploads\/Assemblea-Regidors-i-Regidores-FSM-31-10-20-600x400.jpg 600w, https:\/\/www.psib-psoe.org\/mallorca\/wp-content\/uploads\/Assemblea-Regidors-i-Regidores-FSM-31-10-20-300x200.jpg 300w, https:\/\/www.psib-psoe.org\/mallorca\/wp-content\/uploads\/Assemblea-Regidors-i-Regidores-FSM-31-10-20-20x13.jpg 20w, https:\/\/www.psib-psoe.org\/mallorca\/wp-content\/uploads\/Assemblea-Regidors-i-Regidores-FSM-31-10-20-900x600.jpg 900w\" sizes=\"(max-width: 600px) 100vw, 600px\" \/><\/figure>\n\t\t<div class=\"blog-top\">\n\t\t\t<header class=\"post-title entry-header\">\n\t\t\t\t<aside class=\"post-meta cf\">\n\t\t31\/10\/2020 \/ <a href=\"https:\/\/www.psib-psoe.org\/mallorca\/category\/federacio-de-mallorca\/\" rel=\"category tag\">Federaci\u00f3 de Mallorca<\/a>, <a href=\"https:\/\/www.psib-psoe.org\/mallorca\/category\/municipis\/\" rel=\"category tag\">Municipis<\/a>, <a href=\"https:\/\/www.psib-psoe.org\/mallorca\/category\/portada\/\" rel=\"category tag\">Portada<\/a><\/aside>\n\t\t\t\t<h3 itemprop=\"headline\"><a href=\"https:\/\/www.psib-psoe.org\/mallorca\/els-socialistes-de-mallorca-satisfets-perque-els-ajuntaments-podran-comptar-amb-500-milions-deuros-de-romanents-per-afavorir-una-recuperacio-justa\/\" title=\"Els Socialistes de Mallorca, satisfets perqu\u00e8 els ajuntaments \u201cpodran comptar amb 500 milions d\u2019euros de romanents per afavorir una recuperaci\u00f3 justa\u201d\">Els Socialistes de Mallorca, satisfets perqu\u00e8 els ajuntaments \u201cpodran comptar amb 500 milions d\u2019euros de romanents per afavorir una recuperaci\u00f3 justa\u201d<\/a><\/h3>\n\t\t\t<\/header>\n\t\t<\/div>\n\t\t<div class=\"post-content\">\n\t\t\t<a href=\"https:\/\/www.psib-psoe.org\/mallorca\/els-socialistes-de-mallorca-satisfets-perque-els-ajuntaments-podran-comptar-amb-500-milions-deuros-de-romanents-per-afavorir-una-recuperacio-justa\/\" class=\"more-link\">Read More<\/a>\n\t\t<\/div>\n\t\t\t<aside class=\"post-bottom-meta hide\">\n\t\t<strong rel=\"author\" itemprop=\"author\" class=\"author vcard\"><span class=\"fn\">Marc<\/span><\/strong>\n\t\t<time class=\"date published time\" datetime=\"2020-10-31T14:04:09+02:00\" itemprop=\"datePublished\" content=\"2020-10-31T14:04:09+02:00\">31\/10\/2020<\/time>\n\t\t<meta itemprop=\"dateModified\" class=\"date updated\" content=\"2021-02-05T11:33:40+02:00\">\n\t\t<span class=\"hide\" itemprop=\"publisher\" itemscope itemtype=\"https:\/\/schema.org\/Organization\">\n\t\t\t<meta itemprop=\"name\" content=\"SocialistesdMca\">\n\t\t\t<span itemprop=\"logo\" itemscope itemtype=\"https:\/\/schema.org\/ImageObject\">\n\t\t\t\t<meta itemprop=\"url\" content=\"https:\/\/www.psib-psoe.org\/mallorca\/wp-content\/themes\/notio-wp\/assets\/img\/logo.png\">\n\t\t\t<\/span>\n\t\t\t<meta itemprop=\"url\" content=\"https:\/\/www.psib-psoe.org\/mallorca\/\">\n\t\t<\/span>\n\t\t\t\t<span class=\"hide\" itemprop=\"image\" itemscope itemtype=\"http:\/\/schema.org\/ImageObject\">\n\t\t\t<meta itemprop=\"url\" content=\"https:\/\/www.psib-psoe.org\/mallorca\/wp-content\/uploads\/Assemblea-Regidors-i-Regidores-FSM-31-10-20.jpg\">\n\t\t\t<meta itemprop=\"width\" content=\"4009\">\n\t\t\t<meta itemprop=\"height\" content=\"2601\">\n\t\t<\/span>\n\t\t\t\t<meta itemscope itemprop=\"mainEntityOfPage\" itemtype=\"https:\/\/schema.org\/WebPage\" itemid=\"https:\/\/www.psib-psoe.org\/mallorca\/els-socialistes-de-mallorca-satisfets-perque-els-ajuntaments-podran-comptar-amb-500-milions-deuros-de-romanents-per-afavorir-una-recuperacio-justa\/\">\n\t<\/aside>\n\t\t<\/article>\n<\/div>\n<div class=\"small-12 large-4 columns\">\n\t<article itemscope itemtype=\"http:\/\/schema.org\/Article\" class=\"post blog-style7 alt post-25522 type-post status-publish format-standard has-post-thumbnail hentry category-federacio-de-mallorca category-portada\" role=\"article\">\n\t\t<figure class=\"post-gallery\"><img loading=\"lazy\" decoding=\"async\" width=\"600\" height=\"400\" src=\"https:\/\/www.psib-psoe.org\/mallorca\/wp-content\/uploads\/Cosme-Bonet-22-10-20-600x400.jpeg\" class=\"attachment-notio-general-x2 size-notio-general-x2 wp-post-image\" alt=\"\" srcset=\"https:\/\/www.psib-psoe.org\/mallorca\/wp-content\/uploads\/Cosme-Bonet-22-10-20-600x400.jpeg 600w, https:\/\/www.psib-psoe.org\/mallorca\/wp-content\/uploads\/Cosme-Bonet-22-10-20-300x200.jpeg 300w, https:\/\/www.psib-psoe.org\/mallorca\/wp-content\/uploads\/Cosme-Bonet-22-10-20-900x600.jpeg 900w, https:\/\/www.psib-psoe.org\/mallorca\/wp-content\/uploads\/Cosme-Bonet-22-10-20-20x13.jpeg 20w\" sizes=\"(max-width: 600px) 100vw, 600px\" \/><\/figure>\n\t\t<div class=\"blog-top\">\n\t\t\t<header class=\"post-title entry-header\">\n\t\t\t\t<aside class=\"post-meta cf\">\n\t\t22\/10\/2020 \/ <a href=\"https:\/\/www.psib-psoe.org\/mallorca\/category\/federacio-de-mallorca\/\" rel=\"category tag\">Federaci\u00f3 de Mallorca<\/a>, <a href=\"https:\/\/www.psib-psoe.org\/mallorca\/category\/portada\/\" rel=\"category tag\">Portada<\/a><\/aside>\n\t\t\t\t<h3 itemprop=\"headline\"><a href=\"https:\/\/www.psib-psoe.org\/mallorca\/cosme-bonet-defensa-al-senat-el-reconeixement-de-la-singularitat-dels-consells-insulars-i-la-seva-modernitzacio-dins-ladministracio-supramunicipal-de-lestat\/\" title=\"Cosme Bonet defensa al Senat el reconeixement de la singularitat dels Consells Insulars i la seva modernitzaci\u00f3 dins l\u2019administraci\u00f3 supramunicipal de l\u2019Estat\">Cosme Bonet defensa al Senat el reconeixement de la singularitat dels Consells Insulars i la seva modernitzaci\u00f3 dins l\u2019administraci\u00f3 supramunicipal de l\u2019Estat<\/a><\/h3>\n\t\t\t<\/header>\n\t\t<\/div>\n\t\t<div class=\"post-content\">\n\t\t\t<a href=\"https:\/\/www.psib-psoe.org\/mallorca\/cosme-bonet-defensa-al-senat-el-reconeixement-de-la-singularitat-dels-consells-insulars-i-la-seva-modernitzacio-dins-ladministracio-supramunicipal-de-lestat\/\" class=\"more-link\">Read More<\/a>\n\t\t<\/div>\n\t\t\t<aside class=\"post-bottom-meta hide\">\n\t\t<strong rel=\"author\" itemprop=\"author\" class=\"author vcard\"><span class=\"fn\">Marc<\/span><\/strong>\n\t\t<time class=\"date published time\" datetime=\"2020-10-22T13:53:39+02:00\" itemprop=\"datePublished\" content=\"2020-10-22T13:53:39+02:00\">22\/10\/2020<\/time>\n\t\t<meta itemprop=\"dateModified\" class=\"date updated\" content=\"2021-02-05T11:34:03+02:00\">\n\t\t<span class=\"hide\" itemprop=\"publisher\" itemscope itemtype=\"https:\/\/schema.org\/Organization\">\n\t\t\t<meta itemprop=\"name\" content=\"SocialistesdMca\">\n\t\t\t<span itemprop=\"logo\" itemscope itemtype=\"https:\/\/schema.org\/ImageObject\">\n\t\t\t\t<meta itemprop=\"url\" content=\"https:\/\/www.psib-psoe.org\/mallorca\/wp-content\/themes\/notio-wp\/assets\/img\/logo.png\">\n\t\t\t<\/span>\n\t\t\t<meta itemprop=\"url\" content=\"https:\/\/www.psib-psoe.org\/mallorca\/\">\n\t\t<\/span>\n\t\t\t\t<span class=\"hide\" itemprop=\"image\" itemscope itemtype=\"http:\/\/schema.org\/ImageObject\">\n\t\t\t<meta itemprop=\"url\" content=\"https:\/\/www.psib-psoe.org\/mallorca\/wp-content\/uploads\/Cosme-Bonet-22-10-20.jpeg\">\n\t\t\t<meta itemprop=\"width\" content=\"1600\">\n\t\t\t<meta itemprop=\"height\" content=\"1200\">\n\t\t<\/span>\n\t\t\t\t<meta itemscope itemprop=\"mainEntityOfPage\" itemtype=\"https:\/\/schema.org\/WebPage\" itemid=\"https:\/\/www.psib-psoe.org\/mallorca\/cosme-bonet-defensa-al-senat-el-reconeixement-de-la-singularitat-dels-consells-insulars-i-la-seva-modernitzacio-dins-ladministracio-supramunicipal-de-lestat\/\">\n\t<\/aside>\n\t\t<\/article>\n<\/div>\n<div class=\"small-12 large-4 columns\">\n\t<article itemscope itemtype=\"http:\/\/schema.org\/Article\" class=\"post blog-style7 alt post-25515 type-post status-publish format-standard hentry category-consell-de-mallorca category-federacio-de-mallorca category-municipis category-portada\" role=\"article\">\n\t\t<figure class=\"post-gallery\"><\/figure>\n\t\t<div class=\"blog-top\">\n\t\t\t<header class=\"post-title entry-header\">\n\t\t\t\t<aside class=\"post-meta cf\">\n\t\t20\/10\/2020 \/ <a href=\"https:\/\/www.psib-psoe.org\/mallorca\/category\/consell-de-mallorca\/\" rel=\"category tag\">Consell de Mallorca<\/a>, <a href=\"https:\/\/www.psib-psoe.org\/mallorca\/category\/federacio-de-mallorca\/\" rel=\"category tag\">Federaci\u00f3 de Mallorca<\/a>, <a href=\"https:\/\/www.psib-psoe.org\/mallorca\/category\/municipis\/\" rel=\"category tag\">Municipis<\/a>, <a href=\"https:\/\/www.psib-psoe.org\/mallorca\/category\/portada\/\" rel=\"category tag\">Portada<\/a><\/aside>\n\t\t\t\t<h3 itemprop=\"headline\"><a href=\"https:\/\/www.psib-psoe.org\/mallorca\/cladera-trobades-campanet\/\" title=\"Catalina Cladera enceta a Campanet una ronda de trobades entre la Federaci\u00f3 Socialista de Mallorca, membres socialistes del Consell de Mallorca i les agrupacions de la Part Forana\">Catalina Cladera enceta a Campanet una ronda de trobades entre la Federaci\u00f3 Socialista de Mallorca, membres socialistes del Consell de Mallorca i les agrupacions de la Part Forana<\/a><\/h3>\n\t\t\t<\/header>\n\t\t<\/div>\n\t\t<div class=\"post-content\">\n\t\t\t<a href=\"https:\/\/www.psib-psoe.org\/mallorca\/cladera-trobades-campanet\/\" class=\"more-link\">Read More<\/a>\n\t\t<\/div>\n\t\t\t<aside class=\"post-bottom-meta hide\">\n\t\t<strong rel=\"author\" itemprop=\"author\" class=\"author vcard\"><span class=\"fn\">Joana Aina S\u00e1nchez<\/span><\/strong>\n\t\t<time class=\"date published time\" datetime=\"2020-10-20T12:28:29+02:00\" itemprop=\"datePublished\" content=\"2020-10-20T12:28:29+02:00\">20\/10\/2020<\/time>\n\t\t<meta itemprop=\"dateModified\" class=\"date updated\" content=\"2020-10-20T12:28:29+02:00\">\n\t\t<span class=\"hide\" itemprop=\"publisher\" itemscope itemtype=\"https:\/\/schema.org\/Organization\">\n\t\t\t<meta itemprop=\"name\" content=\"SocialistesdMca\">\n\t\t\t<span itemprop=\"logo\" itemscope itemtype=\"https:\/\/schema.org\/ImageObject\">\n\t\t\t\t<meta itemprop=\"url\" content=\"https:\/\/www.psib-psoe.org\/mallorca\/wp-content\/themes\/notio-wp\/assets\/img\/logo.png\">\n\t\t\t<\/span>\n\t\t\t<meta itemprop=\"url\" content=\"https:\/\/www.psib-psoe.org\/mallorca\/\">\n\t\t<\/span>\n\t\t\t\t<meta itemscope itemprop=\"mainEntityOfPage\" itemtype=\"https:\/\/schema.org\/WebPage\" itemid=\"https:\/\/www.psib-psoe.org\/mallorca\/cladera-trobades-campanet\/\">\n\t<\/aside>\n\t\t<\/article>\n<\/div>\n<div class=\"small-12 large-4 columns\">\n\t<article itemscope itemtype=\"http:\/\/schema.org\/Article\" class=\"post blog-style7 alt post-25508 type-post status-publish format-standard has-post-thumbnail hentry category-federacio-de-mallorca tag-federacio-socialista-de-mallorca\" role=\"article\">\n\t\t<figure class=\"post-gallery\"><img loading=\"lazy\" decoding=\"async\" width=\"600\" height=\"400\" src=\"https:\/\/www.psib-psoe.org\/mallorca\/wp-content\/uploads\/Cosme-14-10-20-600x400.jpg\" class=\"attachment-notio-general-x2 size-notio-general-x2 wp-post-image\" alt=\"\" srcset=\"https:\/\/www.psib-psoe.org\/mallorca\/wp-content\/uploads\/Cosme-14-10-20-600x400.jpg 600w, https:\/\/www.psib-psoe.org\/mallorca\/wp-content\/uploads\/Cosme-14-10-20-300x200.jpg 300w, https:\/\/www.psib-psoe.org\/mallorca\/wp-content\/uploads\/Cosme-14-10-20-900x600.jpg 900w, https:\/\/www.psib-psoe.org\/mallorca\/wp-content\/uploads\/Cosme-14-10-20-20x13.jpg 20w\" sizes=\"(max-width: 600px) 100vw, 600px\" \/><\/figure>\n\t\t<div class=\"blog-top\">\n\t\t\t<header class=\"post-title entry-header\">\n\t\t\t\t<aside class=\"post-meta cf\">\n\t\t14\/10\/2020 \/ <a href=\"https:\/\/www.psib-psoe.org\/mallorca\/category\/federacio-de-mallorca\/\" rel=\"category tag\">Federaci\u00f3 de Mallorca<\/a><\/aside>\n\t\t\t\t<h3 itemprop=\"headline\"><a href=\"https:\/\/www.psib-psoe.org\/mallorca\/25508\/\" title=\"\"><\/a><\/h3>\n\t\t\t<\/header>\n\t\t<\/div>\n\t\t<div class=\"post-content\">\n\t\t\t<a href=\"https:\/\/www.psib-psoe.org\/mallorca\/25508\/\" class=\"more-link\">Read More<\/a>\n\t\t<\/div>\n\t\t\t<aside class=\"post-bottom-meta hide\">\n\t\t<strong rel=\"author\" itemprop=\"author\" class=\"author vcard\"><span class=\"fn\">adminpsib<\/span><\/strong>\n\t\t<time class=\"date published time\" datetime=\"2020-10-14T11:29:45+02:00\" itemprop=\"datePublished\" content=\"2020-10-14T11:29:45+02:00\">14\/10\/2020<\/time>\n\t\t<meta itemprop=\"dateModified\" class=\"date updated\" content=\"2020-10-14T11:29:45+02:00\">\n\t\t<span class=\"hide\" itemprop=\"publisher\" itemscope itemtype=\"https:\/\/schema.org\/Organization\">\n\t\t\t<meta itemprop=\"name\" content=\"SocialistesdMca\">\n\t\t\t<span itemprop=\"logo\" itemscope itemtype=\"https:\/\/schema.org\/ImageObject\">\n\t\t\t\t<meta itemprop=\"url\" content=\"https:\/\/www.psib-psoe.org\/mallorca\/wp-content\/themes\/notio-wp\/assets\/img\/logo.png\">\n\t\t\t<\/span>\n\t\t\t<meta itemprop=\"url\" content=\"https:\/\/www.psib-psoe.org\/mallorca\/\">\n\t\t<\/span>\n\t\t\t\t<span class=\"hide\" itemprop=\"image\" itemscope itemtype=\"http:\/\/schema.org\/ImageObject\">\n\t\t\t<meta itemprop=\"url\" content=\"https:\/\/www.psib-psoe.org\/mallorca\/wp-content\/uploads\/Cosme-14-10-20.jpg\">\n\t\t\t<meta itemprop=\"width\" content=\"1600\">\n\t\t\t<meta itemprop=\"height\" content=\"1200\">\n\t\t<\/span>\n\t\t\t\t<meta itemscope itemprop=\"mainEntityOfPage\" itemtype=\"https:\/\/schema.org\/WebPage\" itemid=\"https:\/\/www.psib-psoe.org\/mallorca\/25508\/\">\n\t<\/aside>\n\t\t<\/article>\n<\/div>\n<div class=\"small-12 large-4 columns\">\n\t<article itemscope itemtype=\"http:\/\/schema.org\/Article\" class=\"post blog-style7 alt post-25499 type-post status-publish format-standard has-post-thumbnail hentry category-federacio-de-mallorca category-portada tag-federacio-socialista-de-mallorca\" role=\"article\">\n\t\t<figure class=\"post-gallery\"><img loading=\"lazy\" decoding=\"async\" width=\"600\" height=\"400\" src=\"https:\/\/www.psib-psoe.org\/mallorca\/wp-content\/uploads\/Cosme-Bonet-Taxa-Google-1-600x400.jpeg\" class=\"attachment-notio-general-x2 size-notio-general-x2 wp-post-image\" alt=\"\" srcset=\"https:\/\/www.psib-psoe.org\/mallorca\/wp-content\/uploads\/Cosme-Bonet-Taxa-Google-1-600x400.jpeg 600w, https:\/\/www.psib-psoe.org\/mallorca\/wp-content\/uploads\/Cosme-Bonet-Taxa-Google-1-300x200.jpeg 300w, https:\/\/www.psib-psoe.org\/mallorca\/wp-content\/uploads\/Cosme-Bonet-Taxa-Google-1-768x512.jpeg 768w, https:\/\/www.psib-psoe.org\/mallorca\/wp-content\/uploads\/Cosme-Bonet-Taxa-Google-1-1024x683.jpeg 1024w, https:\/\/www.psib-psoe.org\/mallorca\/wp-content\/uploads\/Cosme-Bonet-Taxa-Google-1-150x100.jpeg 150w, https:\/\/www.psib-psoe.org\/mallorca\/wp-content\/uploads\/Cosme-Bonet-Taxa-Google-1-900x600.jpeg 900w, https:\/\/www.psib-psoe.org\/mallorca\/wp-content\/uploads\/Cosme-Bonet-Taxa-Google-1-20x13.jpeg 20w, https:\/\/www.psib-psoe.org\/mallorca\/wp-content\/uploads\/Cosme-Bonet-Taxa-Google-1.jpeg 1600w\" sizes=\"(max-width: 600px) 100vw, 600px\" \/><\/figure>\n\t\t<div class=\"blog-top\">\n\t\t\t<header class=\"post-title entry-header\">\n\t\t\t\t<aside class=\"post-meta cf\">\n\t\t08\/10\/2020 \/ <a href=\"https:\/\/www.psib-psoe.org\/mallorca\/category\/federacio-de-mallorca\/\" rel=\"category tag\">Federaci\u00f3 de Mallorca<\/a>, <a href=\"https:\/\/www.psib-psoe.org\/mallorca\/category\/portada\/\" rel=\"category tag\">Portada<\/a><\/aside>\n\t\t\t\t<h3 itemprop=\"headline\"><a href=\"https:\/\/www.psib-psoe.org\/mallorca\/bonet-defensa-laprovacio-de-les-taxes-google-i-tobin-com-una-passa-mes-per-assolir-una-fiscalitat-justa-que-permeti-una-recuperacio-justa\/\" title=\"Bonet defensa l\u2019aprovaci\u00f3 de les taxes Google i Tobin com una passa m\u00e9s per assolir \u201cuna fiscalitat justa que permeti una recuperaci\u00f3 justa\u201d\">Bonet defensa l\u2019aprovaci\u00f3 de les taxes Google i Tobin com una passa m\u00e9s per assolir \u201cuna fiscalitat justa que permeti una recuperaci\u00f3 justa\u201d<\/a><\/h3>\n\t\t\t<\/header>\n\t\t<\/div>\n\t\t<div class=\"post-content\">\n\t\t\t<a href=\"https:\/\/www.psib-psoe.org\/mallorca\/bonet-defensa-laprovacio-de-les-taxes-google-i-tobin-com-una-passa-mes-per-assolir-una-fiscalitat-justa-que-permeti-una-recuperacio-justa\/\" class=\"more-link\">Read More<\/a>\n\t\t<\/div>\n\t\t\t<aside class=\"post-bottom-meta hide\">\n\t\t<strong rel=\"author\" itemprop=\"author\" class=\"author vcard\"><span class=\"fn\">adminpsib<\/span><\/strong>\n\t\t<time class=\"date published time\" datetime=\"2020-10-08T10:23:01+02:00\" itemprop=\"datePublished\" content=\"2020-10-08T10:23:01+02:00\">08\/10\/2020<\/time>\n\t\t<meta itemprop=\"dateModified\" class=\"date updated\" content=\"2020-10-08T10:24:20+02:00\">\n\t\t<span class=\"hide\" itemprop=\"publisher\" itemscope itemtype=\"https:\/\/schema.org\/Organization\">\n\t\t\t<meta itemprop=\"name\" content=\"SocialistesdMca\">\n\t\t\t<span itemprop=\"logo\" itemscope itemtype=\"https:\/\/schema.org\/ImageObject\">\n\t\t\t\t<meta itemprop=\"url\" content=\"https:\/\/www.psib-psoe.org\/mallorca\/wp-content\/themes\/notio-wp\/assets\/img\/logo.png\">\n\t\t\t<\/span>\n\t\t\t<meta itemprop=\"url\" content=\"https:\/\/www.psib-psoe.org\/mallorca\/\">\n\t\t<\/span>\n\t\t\t\t<span class=\"hide\" itemprop=\"image\" itemscope itemtype=\"http:\/\/schema.org\/ImageObject\">\n\t\t\t<meta itemprop=\"url\" content=\"https:\/\/www.psib-psoe.org\/mallorca\/wp-content\/uploads\/Cosme-Bonet-Taxa-Google-1.jpeg\">\n\t\t\t<meta itemprop=\"width\" content=\"1600\">\n\t\t\t<meta itemprop=\"height\" content=\"1067\">\n\t\t<\/span>\n\t\t\t\t<meta itemscope itemprop=\"mainEntityOfPage\" itemtype=\"https:\/\/schema.org\/WebPage\" itemid=\"https:\/\/www.psib-psoe.org\/mallorca\/bonet-defensa-laprovacio-de-les-taxes-google-i-tobin-com-una-passa-mes-per-assolir-una-fiscalitat-justa-que-permeti-una-recuperacio-justa\/\">\n\t<\/aside>\n\t\t<\/article>\n<\/div>\n<div class=\"small-12 large-4 columns\">\n\t<article itemscope itemtype=\"http:\/\/schema.org\/Article\" class=\"post blog-style7 alt post-25493 type-post status-publish format-standard hentry category-federacio-de-mallorca category-municipis category-portada tag-felanitx tag-socialistes-de-mallorca tag-xisco-duarte\" role=\"article\">\n\t\t<figure class=\"post-gallery\"><\/figure>\n\t\t<div class=\"blog-top\">\n\t\t\t<header class=\"post-title entry-header\">\n\t\t\t\t<aside class=\"post-meta cf\">\n\t\t06\/10\/2020 \/ <a href=\"https:\/\/www.psib-psoe.org\/mallorca\/category\/federacio-de-mallorca\/\" rel=\"category tag\">Federaci\u00f3 de Mallorca<\/a>, <a href=\"https:\/\/www.psib-psoe.org\/mallorca\/category\/municipis\/\" rel=\"category tag\">Municipis<\/a>, <a href=\"https:\/\/www.psib-psoe.org\/mallorca\/category\/portada\/\" rel=\"category tag\">Portada<\/a><\/aside>\n\t\t\t\t<h3 itemprop=\"headline\"><a href=\"https:\/\/www.psib-psoe.org\/mallorca\/pacte-vergonya-felanitx\/\" title=\"Els Socialistes de Mallorca denuncien que \u201cel pacte de la vergonya \u00e9s una tra\u00efci\u00f3 a la ciutadania de Felanitx\u201d\">Els Socialistes de Mallorca denuncien que \u201cel pacte de la vergonya \u00e9s una tra\u00efci\u00f3 a la ciutadania de Felanitx\u201d<\/a><\/h3>\n\t\t\t<\/header>\n\t\t<\/div>\n\t\t<div class=\"post-content\">\n\t\t\t<a href=\"https:\/\/www.psib-psoe.org\/mallorca\/pacte-vergonya-felanitx\/\" class=\"more-link\">Read More<\/a>\n\t\t<\/div>\n\t\t\t<aside class=\"post-bottom-meta hide\">\n\t\t<strong rel=\"author\" itemprop=\"author\" class=\"author vcard\"><span class=\"fn\">Joana Aina S\u00e1nchez<\/span><\/strong>\n\t\t<time class=\"date published time\" datetime=\"2020-10-06T14:12:52+02:00\" itemprop=\"datePublished\" content=\"2020-10-06T14:12:52+02:00\">06\/10\/2020<\/time>\n\t\t<meta itemprop=\"dateModified\" class=\"date updated\" content=\"2021-02-05T11:34:40+02:00\">\n\t\t<span class=\"hide\" itemprop=\"publisher\" itemscope itemtype=\"https:\/\/schema.org\/Organization\">\n\t\t\t<meta itemprop=\"name\" content=\"SocialistesdMca\">\n\t\t\t<span itemprop=\"logo\" itemscope itemtype=\"https:\/\/schema.org\/ImageObject\">\n\t\t\t\t<meta itemprop=\"url\" content=\"https:\/\/www.psib-psoe.org\/mallorca\/wp-content\/themes\/notio-wp\/assets\/img\/logo.png\">\n\t\t\t<\/span>\n\t\t\t<meta itemprop=\"url\" content=\"https:\/\/www.psib-psoe.org\/mallorca\/\">\n\t\t<\/span>\n\t\t\t\t<meta itemscope itemprop=\"mainEntityOfPage\" itemtype=\"https:\/\/schema.org\/WebPage\" itemid=\"https:\/\/www.psib-psoe.org\/mallorca\/pacte-vergonya-felanitx\/\">\n\t<\/aside>\n\t\t<\/article>\n<\/div>\n<div class=\"small-12 large-4 columns\">\n\t<article itemscope itemtype=\"http:\/\/schema.org\/Article\" class=\"post blog-style7 alt post-25490 type-post status-publish format-standard has-post-thumbnail hentry category-federacio-de-mallorca category-municipis category-portada\" role=\"article\">\n\t\t<figure class=\"post-gallery\"><img loading=\"lazy\" decoding=\"async\" width=\"600\" height=\"400\" src=\"https:\/\/www.psib-psoe.org\/mallorca\/wp-content\/uploads\/Miquel-A\u0300ngel-Coll-i-Xisco-Duarte-Felanitx-600x400.jpeg\" class=\"attachment-notio-general-x2 size-notio-general-x2 wp-post-image\" alt=\"\" srcset=\"https:\/\/www.psib-psoe.org\/mallorca\/wp-content\/uploads\/Miquel-A\u0300ngel-Coll-i-Xisco-Duarte-Felanitx-600x400.jpeg 600w, https:\/\/www.psib-psoe.org\/mallorca\/wp-content\/uploads\/Miquel-A\u0300ngel-Coll-i-Xisco-Duarte-Felanitx-300x200.jpeg 300w, https:\/\/www.psib-psoe.org\/mallorca\/wp-content\/uploads\/Miquel-A\u0300ngel-Coll-i-Xisco-Duarte-Felanitx-900x600.jpeg 900w, https:\/\/www.psib-psoe.org\/mallorca\/wp-content\/uploads\/Miquel-A\u0300ngel-Coll-i-Xisco-Duarte-Felanitx-20x13.jpeg 20w\" sizes=\"(max-width: 600px) 100vw, 600px\" \/><\/figure>\n\t\t<div class=\"blog-top\">\n\t\t\t<header class=\"post-title entry-header\">\n\t\t\t\t<aside class=\"post-meta cf\">\n\t\t05\/10\/2020 \/ <a href=\"https:\/\/www.psib-psoe.org\/mallorca\/category\/federacio-de-mallorca\/\" rel=\"category tag\">Federaci\u00f3 de Mallorca<\/a>, <a href=\"https:\/\/www.psib-psoe.org\/mallorca\/category\/municipis\/\" rel=\"category tag\">Municipis<\/a>, <a href=\"https:\/\/www.psib-psoe.org\/mallorca\/category\/portada\/\" rel=\"category tag\">Portada<\/a><\/aside>\n\t\t\t\t<h3 itemprop=\"headline\"><a href=\"https:\/\/www.psib-psoe.org\/mallorca\/els-socialistes-de-mallorca-exigeixen-laplicacio-del-pacte-antitransfuguisme-a-felanitx\/\" title=\"Els Socialistes de Mallorca exigeixen l\u2019aplicaci\u00f3 del Pacte Antitransfuguisme a Felanitx\">Els Socialistes de Mallorca exigeixen l\u2019aplicaci\u00f3 del Pacte Antitransfuguisme a Felanitx<\/a><\/h3>\n\t\t\t<\/header>\n\t\t<\/div>\n\t\t<div class=\"post-content\">\n\t\t\t<a href=\"https:\/\/www.psib-psoe.org\/mallorca\/els-socialistes-de-mallorca-exigeixen-laplicacio-del-pacte-antitransfuguisme-a-felanitx\/\" class=\"more-link\">Read More<\/a>\n\t\t<\/div>\n\t\t\t<aside class=\"post-bottom-meta hide\">\n\t\t<strong rel=\"author\" itemprop=\"author\" class=\"author vcard\"><span class=\"fn\">Albert<\/span><\/strong>\n\t\t<time class=\"date published time\" datetime=\"2020-10-05T16:53:27+02:00\" itemprop=\"datePublished\" content=\"2020-10-05T16:53:27+02:00\">05\/10\/2020<\/time>\n\t\t<meta itemprop=\"dateModified\" class=\"date updated\" content=\"2020-10-05T16:53:39+02:00\">\n\t\t<span class=\"hide\" itemprop=\"publisher\" itemscope itemtype=\"https:\/\/schema.org\/Organization\">\n\t\t\t<meta itemprop=\"name\" content=\"SocialistesdMca\">\n\t\t\t<span itemprop=\"logo\" itemscope itemtype=\"https:\/\/schema.org\/ImageObject\">\n\t\t\t\t<meta itemprop=\"url\" content=\"https:\/\/www.psib-psoe.org\/mallorca\/wp-content\/themes\/notio-wp\/assets\/img\/logo.png\">\n\t\t\t<\/span>\n\t\t\t<meta itemprop=\"url\" content=\"https:\/\/www.psib-psoe.org\/mallorca\/\">\n\t\t<\/span>\n\t\t\t\t<span class=\"hide\" itemprop=\"image\" itemscope itemtype=\"http:\/\/schema.org\/ImageObject\">\n\t\t\t<meta itemprop=\"url\" content=\"https:\/\/www.psib-psoe.org\/mallorca\/wp-content\/uploads\/Miquel-A\u0300ngel-Coll-i-Xisco-Duarte-Felanitx.jpeg\">\n\t\t\t<meta itemprop=\"width\" content=\"1753\">\n\t\t\t<meta itemprop=\"height\" content=\"1290\">\n\t\t<\/span>\n\t\t\t\t<meta itemscope itemprop=\"mainEntityOfPage\" itemtype=\"https:\/\/schema.org\/WebPage\" itemid=\"https:\/\/www.psib-psoe.org\/mallorca\/els-socialistes-de-mallorca-exigeixen-laplicacio-del-pacte-antitransfuguisme-a-felanitx\/\">\n\t<\/aside>\n\t\t<\/article>\n<\/div>\n<div class=\"small-12 large-4 columns\">\n\t<article itemscope itemtype=\"http:\/\/schema.org\/Article\" class=\"post blog-style7 alt post-25467 type-post status-publish format-standard has-post-thumbnail hentry category-federacio-de-mallorca category-municipis category-portada\" role=\"article\">\n\t\t<figure class=\"post-gallery\"><img loading=\"lazy\" decoding=\"async\" width=\"600\" height=\"400\" src=\"https:\/\/www.psib-psoe.org\/mallorca\/wp-content\/uploads\/IMG-1070-600x400.jpg\" class=\"attachment-notio-general-x2 size-notio-general-x2 wp-post-image\" alt=\"\" srcset=\"https:\/\/www.psib-psoe.org\/mallorca\/wp-content\/uploads\/IMG-1070-600x400.jpg 600w, https:\/\/www.psib-psoe.org\/mallorca\/wp-content\/uploads\/IMG-1070-300x200.jpg 300w, https:\/\/www.psib-psoe.org\/mallorca\/wp-content\/uploads\/IMG-1070-900x600.jpg 900w, https:\/\/www.psib-psoe.org\/mallorca\/wp-content\/uploads\/IMG-1070-20x13.jpg 20w\" sizes=\"(max-width: 600px) 100vw, 600px\" \/><\/figure>\n\t\t<div class=\"blog-top\">\n\t\t\t<header class=\"post-title entry-header\">\n\t\t\t\t<aside class=\"post-meta cf\">\n\t\t26\/09\/2020 \/ <a href=\"https:\/\/www.psib-psoe.org\/mallorca\/category\/federacio-de-mallorca\/\" rel=\"category tag\">Federaci\u00f3 de Mallorca<\/a>, <a href=\"https:\/\/www.psib-psoe.org\/mallorca\/category\/municipis\/\" rel=\"category tag\">Municipis<\/a>, <a href=\"https:\/\/www.psib-psoe.org\/mallorca\/category\/portada\/\" rel=\"category tag\">Portada<\/a><\/aside>\n\t\t\t\t<h3 itemprop=\"headline\"><a href=\"https:\/\/www.psib-psoe.org\/mallorca\/el-psib-psoe-critica-que-felanitx-gira-a-la-dreta-deixant-enrere-un-pacte-progressista-que-havia-funcionat-des-del-2015-i-donant-un-poder-inesperat-al-pp\/\" title=\"El PSIB-PSOE critica que \u201cFelanitx gira a la dreta, deixant enrere un pacte progressista que havia funcionat des del 2015 i donant un poder inesperat al PP\u201d\">El PSIB-PSOE critica que \u201cFelanitx gira a la dreta, deixant enrere un pacte progressista que havia funcionat des del 2015 i donant un poder inesperat al PP\u201d<\/a><\/h3>\n\t\t\t<\/header>\n\t\t<\/div>\n\t\t<div class=\"post-content\">\n\t\t\t<a href=\"https:\/\/www.psib-psoe.org\/mallorca\/el-psib-psoe-critica-que-felanitx-gira-a-la-dreta-deixant-enrere-un-pacte-progressista-que-havia-funcionat-des-del-2015-i-donant-un-poder-inesperat-al-pp\/\" class=\"more-link\">Read More<\/a>\n\t\t<\/div>\n\t\t\t<aside class=\"post-bottom-meta hide\">\n\t\t<strong rel=\"author\" itemprop=\"author\" class=\"author vcard\"><span class=\"fn\">Marc<\/span><\/strong>\n\t\t<time class=\"date published time\" datetime=\"2020-09-26T14:09:40+02:00\" itemprop=\"datePublished\" content=\"2020-09-26T14:09:40+02:00\">26\/09\/2020<\/time>\n\t\t<meta itemprop=\"dateModified\" class=\"date updated\" content=\"2021-02-05T11:34:35+02:00\">\n\t\t<span class=\"hide\" itemprop=\"publisher\" itemscope itemtype=\"https:\/\/schema.org\/Organization\">\n\t\t\t<meta itemprop=\"name\" content=\"SocialistesdMca\">\n\t\t\t<span itemprop=\"logo\" itemscope itemtype=\"https:\/\/schema.org\/ImageObject\">\n\t\t\t\t<meta itemprop=\"url\" content=\"https:\/\/www.psib-psoe.org\/mallorca\/wp-content\/themes\/notio-wp\/assets\/img\/logo.png\">\n\t\t\t<\/span>\n\t\t\t<meta itemprop=\"url\" content=\"https:\/\/www.psib-psoe.org\/mallorca\/\">\n\t\t<\/span>\n\t\t\t\t<span class=\"hide\" itemprop=\"image\" itemscope itemtype=\"http:\/\/schema.org\/ImageObject\">\n\t\t\t<meta itemprop=\"url\" content=\"https:\/\/www.psib-psoe.org\/mallorca\/wp-content\/uploads\/IMG-1070.jpg\">\n\t\t\t<meta itemprop=\"width\" content=\"4032\">\n\t\t\t<meta itemprop=\"height\" content=\"3024\">\n\t\t<\/span>\n\t\t\t\t<meta itemscope itemprop=\"mainEntityOfPage\" itemtype=\"https:\/\/schema.org\/WebPage\" itemid=\"https:\/\/www.psib-psoe.org\/mallorca\/el-psib-psoe-critica-que-felanitx-gira-a-la-dreta-deixant-enrere-un-pacte-progressista-que-havia-funcionat-des-del-2015-i-donant-un-poder-inesperat-al-pp\/\">\n\t<\/aside>\n\t\t<\/article>\n<\/div>\n<div class=\"small-12 large-4 columns\">\n\t<article itemscope itemtype=\"http:\/\/schema.org\/Article\" class=\"post blog-style7 alt post-25463 type-post status-publish format-standard has-post-thumbnail hentry category-federacio-de-mallorca category-municipis\" role=\"article\">\n\t\t<figure class=\"post-gallery\"><img loading=\"lazy\" decoding=\"async\" width=\"600\" height=\"400\" src=\"https:\/\/www.psib-psoe.org\/mallorca\/wp-content\/uploads\/IMG-2315-600x400.jpg\" class=\"attachment-notio-general-x2 size-notio-general-x2 wp-post-image\" alt=\"\" srcset=\"https:\/\/www.psib-psoe.org\/mallorca\/wp-content\/uploads\/IMG-2315-600x400.jpg 600w, https:\/\/www.psib-psoe.org\/mallorca\/wp-content\/uploads\/IMG-2315-300x200.jpg 300w, https:\/\/www.psib-psoe.org\/mallorca\/wp-content\/uploads\/IMG-2315-900x600.jpg 900w, https:\/\/www.psib-psoe.org\/mallorca\/wp-content\/uploads\/IMG-2315-20x13.jpg 20w\" sizes=\"(max-width: 600px) 100vw, 600px\" \/><\/figure>\n\t\t<div class=\"blog-top\">\n\t\t\t<header class=\"post-title entry-header\">\n\t\t\t\t<aside class=\"post-meta cf\">\n\t\t26\/09\/2020 \/ <a href=\"https:\/\/www.psib-psoe.org\/mallorca\/category\/federacio-de-mallorca\/\" rel=\"category tag\">Federaci\u00f3 de Mallorca<\/a>, <a href=\"https:\/\/www.psib-psoe.org\/mallorca\/category\/municipis\/\" rel=\"category tag\">Municipis<\/a><\/aside>\n\t\t\t\t<h3 itemprop=\"headline\"><a href=\"https:\/\/www.psib-psoe.org\/mallorca\/el-psib-psoe-reitera-a-el-pi-la-necessitat-de-fer-recapacitar-el-batle-de-felanitx-qui-sembla-que-deixa-la-porta-oberta-a-un-possible-govern-amb-el-pp-amb-el-suport-dun-transfuga\/\" title=\"El PSIB-PSOE reitera a El Pi la necessitat de fer recapacitar el batle de Felanitx, qui \u201csembla que deixa la porta oberta a un possible govern amb el PP amb el suport d\u2019un tr\u00e0nsfuga\u201d\">El PSIB-PSOE reitera a El Pi la necessitat de fer recapacitar el batle de Felanitx, qui \u201csembla que deixa la porta oberta a un possible govern amb el PP amb el suport d\u2019un tr\u00e0nsfuga\u201d<\/a><\/h3>\n\t\t\t<\/header>\n\t\t<\/div>\n\t\t<div class=\"post-content\">\n\t\t\t<a href=\"https:\/\/www.psib-psoe.org\/mallorca\/el-psib-psoe-reitera-a-el-pi-la-necessitat-de-fer-recapacitar-el-batle-de-felanitx-qui-sembla-que-deixa-la-porta-oberta-a-un-possible-govern-amb-el-pp-amb-el-suport-dun-transfuga\/\" class=\"more-link\">Read More<\/a>\n\t\t<\/div>\n\t\t\t<aside class=\"post-bottom-meta hide\">\n\t\t<strong rel=\"author\" itemprop=\"author\" class=\"author vcard\"><span class=\"fn\">Marc<\/span><\/strong>\n\t\t<time class=\"date published time\" datetime=\"2020-09-26T09:44:24+02:00\" itemprop=\"datePublished\" content=\"2020-09-26T09:44:24+02:00\">26\/09\/2020<\/time>\n\t\t<meta itemprop=\"dateModified\" class=\"date updated\" content=\"2021-02-05T11:35:02+02:00\">\n\t\t<span class=\"hide\" itemprop=\"publisher\" itemscope itemtype=\"https:\/\/schema.org\/Organization\">\n\t\t\t<meta itemprop=\"name\" content=\"SocialistesdMca\">\n\t\t\t<span itemprop=\"logo\" itemscope itemtype=\"https:\/\/schema.org\/ImageObject\">\n\t\t\t\t<meta itemprop=\"url\" content=\"https:\/\/www.psib-psoe.org\/mallorca\/wp-content\/themes\/notio-wp\/assets\/img\/logo.png\">\n\t\t\t<\/span>\n\t\t\t<meta itemprop=\"url\" content=\"https:\/\/www.psib-psoe.org\/mallorca\/\">\n\t\t<\/span>\n\t\t\t\t<span class=\"hide\" itemprop=\"image\" itemscope itemtype=\"http:\/\/schema.org\/ImageObject\">\n\t\t\t<meta itemprop=\"url\" content=\"https:\/\/www.psib-psoe.org\/mallorca\/wp-content\/uploads\/IMG-2315.jpg\">\n\t\t\t<meta itemprop=\"width\" content=\"4032\">\n\t\t\t<meta itemprop=\"height\" content=\"3024\">\n\t\t<\/span>\n\t\t\t\t<meta itemscope itemprop=\"mainEntityOfPage\" itemtype=\"https:\/\/schema.org\/WebPage\" itemid=\"https:\/\/www.psib-psoe.org\/mallorca\/el-psib-psoe-reitera-a-el-pi-la-necessitat-de-fer-recapacitar-el-batle-de-felanitx-qui-sembla-que-deixa-la-porta-oberta-a-un-possible-govern-amb-el-pp-amb-el-suport-dun-transfuga\/\">\n\t<\/aside>\n\t\t<\/article>\n<\/div>\n<div class=\"small-12 large-4 columns\">\n\t<article itemscope itemtype=\"http:\/\/schema.org\/Article\" class=\"post blog-style7 alt post-25458 type-post status-publish format-standard has-post-thumbnail hentry category-federacio-de-mallorca category-municipis category-portada tag-federacio-socialista-de-mallorca\" role=\"article\">\n\t\t<figure class=\"post-gallery\"><img loading=\"lazy\" decoding=\"async\" width=\"600\" height=\"400\" src=\"https:\/\/www.psib-psoe.org\/mallorca\/wp-content\/uploads\/Executiva-FSM-24-09-20-600x400.jpg\" class=\"attachment-notio-general-x2 size-notio-general-x2 wp-post-image\" alt=\"\" srcset=\"https:\/\/www.psib-psoe.org\/mallorca\/wp-content\/uploads\/Executiva-FSM-24-09-20-600x400.jpg 600w, https:\/\/www.psib-psoe.org\/mallorca\/wp-content\/uploads\/Executiva-FSM-24-09-20-300x200.jpg 300w, https:\/\/www.psib-psoe.org\/mallorca\/wp-content\/uploads\/Executiva-FSM-24-09-20-20x13.jpg 20w, https:\/\/www.psib-psoe.org\/mallorca\/wp-content\/uploads\/Executiva-FSM-24-09-20-900x600.jpg 900w\" sizes=\"(max-width: 600px) 100vw, 600px\" \/><\/figure>\n\t\t<div class=\"blog-top\">\n\t\t\t<header class=\"post-title entry-header\">\n\t\t\t\t<aside class=\"post-meta cf\">\n\t\t24\/09\/2020 \/ <a href=\"https:\/\/www.psib-psoe.org\/mallorca\/category\/federacio-de-mallorca\/\" rel=\"category tag\">Federaci\u00f3 de Mallorca<\/a>, <a href=\"https:\/\/www.psib-psoe.org\/mallorca\/category\/municipis\/\" rel=\"category tag\">Municipis<\/a>, <a href=\"https:\/\/www.psib-psoe.org\/mallorca\/category\/portada\/\" rel=\"category tag\">Portada<\/a><\/aside>\n\t\t\t\t<h3 itemprop=\"headline\"><a href=\"https:\/\/www.psib-psoe.org\/mallorca\/els-socialistes-de-mallorca-defensen-el-reforc-dels-serveis-publics-com-a-millor-eina-per-a-superar-la-situacio-ocasionada-per-la-pandemia\/\" title=\"Els Socialistes de Mallorca defensen el refor\u00e7 dels serveis p\u00fablics com a millor eina per a superar la situaci\u00f3 ocasionada per la pand\u00e8mia\">Els Socialistes de Mallorca defensen el refor\u00e7 dels serveis p\u00fablics com a millor eina per a superar la situaci\u00f3 ocasionada per la pand\u00e8mia<\/a><\/h3>\n\t\t\t<\/header>\n\t\t<\/div>\n\t\t<div class=\"post-content\">\n\t\t\t<a href=\"https:\/\/www.psib-psoe.org\/mallorca\/els-socialistes-de-mallorca-defensen-el-reforc-dels-serveis-publics-com-a-millor-eina-per-a-superar-la-situacio-ocasionada-per-la-pandemia\/\" class=\"more-link\">Read More<\/a>\n\t\t<\/div>\n\t\t\t<aside class=\"post-bottom-meta hide\">\n\t\t<strong rel=\"author\" itemprop=\"author\" class=\"author vcard\"><span class=\"fn\">adminpsib<\/span><\/strong>\n\t\t<time class=\"date published time\" datetime=\"2020-09-24T19:56:06+02:00\" itemprop=\"datePublished\" content=\"2020-09-24T19:56:06+02:00\">24\/09\/2020<\/time>\n\t\t<meta itemprop=\"dateModified\" class=\"date updated\" content=\"2020-09-25T09:54:06+02:00\">\n\t\t<span class=\"hide\" itemprop=\"publisher\" itemscope itemtype=\"https:\/\/schema.org\/Organization\">\n\t\t\t<meta itemprop=\"name\" content=\"SocialistesdMca\">\n\t\t\t<span itemprop=\"logo\" itemscope itemtype=\"https:\/\/schema.org\/ImageObject\">\n\t\t\t\t<meta itemprop=\"url\" content=\"https:\/\/www.psib-psoe.org\/mallorca\/wp-content\/themes\/notio-wp\/assets\/img\/logo.png\">\n\t\t\t<\/span>\n\t\t\t<meta itemprop=\"url\" content=\"https:\/\/www.psib-psoe.org\/mallorca\/\">\n\t\t<\/span>\n\t\t\t\t<span class=\"hide\" itemprop=\"image\" itemscope itemtype=\"http:\/\/schema.org\/ImageObject\">\n\t\t\t<meta itemprop=\"url\" content=\"https:\/\/www.psib-psoe.org\/mallorca\/wp-content\/uploads\/Executiva-FSM-24-09-20.jpg\">\n\t\t\t<meta itemprop=\"width\" content=\"3896\">\n\t\t\t<meta itemprop=\"height\" content=\"2525\">\n\t\t<\/span>\n\t\t\t\t<meta itemscope itemprop=\"mainEntityOfPage\" itemtype=\"https:\/\/schema.org\/WebPage\" itemid=\"https:\/\/www.psib-psoe.org\/mallorca\/els-socialistes-de-mallorca-defensen-el-reforc-dels-serveis-publics-com-a-millor-eina-per-a-superar-la-situacio-ocasionada-per-la-pandemia\/\">\n\t<\/aside>\n\t\t<\/article>\n<\/div>\n<div class=\"small-12 large-4 columns\">\n\t<article itemscope itemtype=\"http:\/\/schema.org\/Article\" class=\"post blog-style7 alt post-25418 type-post status-publish format-standard has-post-thumbnail hentry category-federacio-de-mallorca category-municipis category-portada tag-exhumacio tag-llei-de-fosses tag-memoria-historica tag-son-coletes\" role=\"article\">\n\t\t<figure class=\"post-gallery\"><img loading=\"lazy\" decoding=\"async\" width=\"600\" height=\"400\" src=\"https:\/\/www.psib-psoe.org\/mallorca\/wp-content\/uploads\/20200805_VisitaSonColetes-600x400.png\" class=\"attachment-notio-general-x2 size-notio-general-x2 wp-post-image\" alt=\"\" srcset=\"https:\/\/www.psib-psoe.org\/mallorca\/wp-content\/uploads\/20200805_VisitaSonColetes-600x400.png 600w, https:\/\/www.psib-psoe.org\/mallorca\/wp-content\/uploads\/20200805_VisitaSonColetes-300x200.png 300w, https:\/\/www.psib-psoe.org\/mallorca\/wp-content\/uploads\/20200805_VisitaSonColetes-900x600.png 900w, https:\/\/www.psib-psoe.org\/mallorca\/wp-content\/uploads\/20200805_VisitaSonColetes-20x13.png 20w\" sizes=\"(max-width: 600px) 100vw, 600px\" \/><\/figure>\n\t\t<div class=\"blog-top\">\n\t\t\t<header class=\"post-title entry-header\">\n\t\t\t\t<aside class=\"post-meta cf\">\n\t\t05\/08\/2020 \/ <a href=\"https:\/\/www.psib-psoe.org\/mallorca\/category\/federacio-de-mallorca\/\" rel=\"category tag\">Federaci\u00f3 de Mallorca<\/a>, <a href=\"https:\/\/www.psib-psoe.org\/mallorca\/category\/municipis\/\" rel=\"category tag\">Municipis<\/a>, <a href=\"https:\/\/www.psib-psoe.org\/mallorca\/category\/portada\/\" rel=\"category tag\">Portada<\/a><\/aside>\n\t\t\t\t<h3 itemprop=\"headline\"><a href=\"https:\/\/www.psib-psoe.org\/mallorca\/visita-fsm-son-coletes\/\" title=\"Cladera: \u201cObrint les fosses posam pau en el passat per mirar cap al futur\u201d\">Cladera: \u201cObrint les fosses posam pau en el passat per mirar cap al futur\u201d<\/a><\/h3>\n\t\t\t<\/header>\n\t\t<\/div>\n\t\t<div class=\"post-content\">\n\t\t\t<a href=\"https:\/\/www.psib-psoe.org\/mallorca\/visita-fsm-son-coletes\/\" class=\"more-link\">Read More<\/a>\n\t\t<\/div>\n\t\t\t<aside class=\"post-bottom-meta hide\">\n\t\t<strong rel=\"author\" itemprop=\"author\" class=\"author vcard\"><span class=\"fn\">Joana Aina S\u00e1nchez<\/span><\/strong>\n\t\t<time class=\"date published time\" datetime=\"2020-08-05T21:39:24+02:00\" itemprop=\"datePublished\" content=\"2020-08-05T21:39:24+02:00\">05\/08\/2020<\/time>\n\t\t<meta itemprop=\"dateModified\" class=\"date updated\" content=\"2021-02-05T11:35:22+02:00\">\n\t\t<span class=\"hide\" itemprop=\"publisher\" itemscope itemtype=\"https:\/\/schema.org\/Organization\">\n\t\t\t<meta itemprop=\"name\" content=\"SocialistesdMca\">\n\t\t\t<span itemprop=\"logo\" itemscope itemtype=\"https:\/\/schema.org\/ImageObject\">\n\t\t\t\t<meta itemprop=\"url\" content=\"https:\/\/www.psib-psoe.org\/mallorca\/wp-content\/themes\/notio-wp\/assets\/img\/logo.png\">\n\t\t\t<\/span>\n\t\t\t<meta itemprop=\"url\" content=\"https:\/\/www.psib-psoe.org\/mallorca\/\">\n\t\t<\/span>\n\t\t\t\t<span class=\"hide\" itemprop=\"image\" itemscope itemtype=\"http:\/\/schema.org\/ImageObject\">\n\t\t\t<meta itemprop=\"url\" content=\"https:\/\/www.psib-psoe.org\/mallorca\/wp-content\/uploads\/20200805_VisitaSonColetes.png\">\n\t\t\t<meta itemprop=\"width\" content=\"4032\">\n\t\t\t<meta itemprop=\"height\" content=\"3024\">\n\t\t<\/span>\n\t\t\t\t<meta itemscope itemprop=\"mainEntityOfPage\" itemtype=\"https:\/\/schema.org\/WebPage\" itemid=\"https:\/\/www.psib-psoe.org\/mallorca\/visita-fsm-son-coletes\/\">\n\t<\/aside>\n\t\t<\/article>\n<\/div>\n<div class=\"small-12 large-4 columns\">\n\t<article itemscope itemtype=\"http:\/\/schema.org\/Article\" class=\"post blog-style7 alt post-25416 type-post status-publish format-standard has-post-thumbnail hentry category-federacio-de-mallorca tag-federacio-socialista-de-mallorca\" role=\"article\">\n\t\t<figure class=\"post-gallery\"><img loading=\"lazy\" decoding=\"async\" width=\"600\" height=\"400\" src=\"https:\/\/www.psib-psoe.org\/mallorca\/wp-content\/uploads\/catalina-cladera-rafa-ruiz-consell-territorial-femp-sempre-2019-1-600x400.jpg\" class=\"attachment-notio-general-x2 size-notio-general-x2 wp-post-image\" alt=\"\" srcset=\"https:\/\/www.psib-psoe.org\/mallorca\/wp-content\/uploads\/catalina-cladera-rafa-ruiz-consell-territorial-femp-sempre-2019-1-600x400.jpg 600w, https:\/\/www.psib-psoe.org\/mallorca\/wp-content\/uploads\/catalina-cladera-rafa-ruiz-consell-territorial-femp-sempre-2019-1-300x200.jpg 300w, https:\/\/www.psib-psoe.org\/mallorca\/wp-content\/uploads\/catalina-cladera-rafa-ruiz-consell-territorial-femp-sempre-2019-1-900x600.jpg 900w, https:\/\/www.psib-psoe.org\/mallorca\/wp-content\/uploads\/catalina-cladera-rafa-ruiz-consell-territorial-femp-sempre-2019-1-20x13.jpg 20w\" sizes=\"(max-width: 600px) 100vw, 600px\" \/><\/figure>\n\t\t<div class=\"blog-top\">\n\t\t\t<header class=\"post-title entry-header\">\n\t\t\t\t<aside class=\"post-meta cf\">\n\t\t03\/08\/2020 \/ <a href=\"https:\/\/www.psib-psoe.org\/mallorca\/category\/federacio-de-mallorca\/\" rel=\"category tag\">Federaci\u00f3 de Mallorca<\/a><\/aside>\n\t\t\t\t<h3 itemprop=\"headline\"><a href=\"https:\/\/www.psib-psoe.org\/mallorca\/el-psib-psoe-valora-positivament-el-necessari-acord-que-possibilitara-que-els-ajuntaments-de-les-illes-destinin-270me-mes-a-politiques-de-proximitat\/\" title=\"El PSIB-PSOE valora positivament el \u201cnecessari acord\u201d que possibilitar\u00e0 que els ajuntaments de les Illes destinin 270M\u20ac m\u00e9s a pol\u00edtiques de proximitat\">El PSIB-PSOE valora positivament el \u201cnecessari acord\u201d que possibilitar\u00e0 que els ajuntaments de les Illes destinin 270M\u20ac m\u00e9s a pol\u00edtiques de proximitat<\/a><\/h3>\n\t\t\t<\/header>\n\t\t<\/div>\n\t\t<div class=\"post-content\">\n\t\t\t<a href=\"https:\/\/www.psib-psoe.org\/mallorca\/el-psib-psoe-valora-positivament-el-necessari-acord-que-possibilitara-que-els-ajuntaments-de-les-illes-destinin-270me-mes-a-politiques-de-proximitat\/\" class=\"more-link\">Read More<\/a>\n\t\t<\/div>\n\t\t\t<aside class=\"post-bottom-meta hide\">\n\t\t<strong rel=\"author\" itemprop=\"author\" class=\"author vcard\"><span class=\"fn\">adminpsib<\/span><\/strong>\n\t\t<time class=\"date published time\" datetime=\"2020-08-03T14:16:40+02:00\" itemprop=\"datePublished\" content=\"2020-08-03T14:16:40+02:00\">03\/08\/2020<\/time>\n\t\t<meta itemprop=\"dateModified\" class=\"date updated\" content=\"2020-08-03T14:16:40+02:00\">\n\t\t<span class=\"hide\" itemprop=\"publisher\" itemscope itemtype=\"https:\/\/schema.org\/Organization\">\n\t\t\t<meta itemprop=\"name\" content=\"SocialistesdMca\">\n\t\t\t<span itemprop=\"logo\" itemscope itemtype=\"https:\/\/schema.org\/ImageObject\">\n\t\t\t\t<meta itemprop=\"url\" content=\"https:\/\/www.psib-psoe.org\/mallorca\/wp-content\/themes\/notio-wp\/assets\/img\/logo.png\">\n\t\t\t<\/span>\n\t\t\t<meta itemprop=\"url\" content=\"https:\/\/www.psib-psoe.org\/mallorca\/\">\n\t\t<\/span>\n\t\t\t\t<span class=\"hide\" itemprop=\"image\" itemscope itemtype=\"http:\/\/schema.org\/ImageObject\">\n\t\t\t<meta itemprop=\"url\" content=\"https:\/\/www.psib-psoe.org\/mallorca\/wp-content\/uploads\/catalina-cladera-rafa-ruiz-consell-territorial-femp-sempre-2019-1.jpg\">\n\t\t\t<meta itemprop=\"width\" content=\"1000\">\n\t\t\t<meta itemprop=\"height\" content=\"750\">\n\t\t<\/span>\n\t\t\t\t<meta itemscope itemprop=\"mainEntityOfPage\" itemtype=\"https:\/\/schema.org\/WebPage\" itemid=\"https:\/\/www.psib-psoe.org\/mallorca\/el-psib-psoe-valora-positivament-el-necessari-acord-que-possibilitara-que-els-ajuntaments-de-les-illes-destinin-270me-mes-a-politiques-de-proximitat\/\">\n\t<\/aside>\n\t\t<\/article>\n<\/div>\n<div class=\"small-12 large-4 columns\">\n\t<article itemscope itemtype=\"http:\/\/schema.org\/Article\" class=\"post blog-style7 alt post-25390 type-post status-publish format-standard has-post-thumbnail hentry category-federacio-de-mallorca tag-federacio-socialista-de-mallorca\" role=\"article\">\n\t\t<figure class=\"post-gallery\"><img loading=\"lazy\" decoding=\"async\" width=\"600\" height=\"400\" src=\"https:\/\/www.psib-psoe.org\/mallorca\/wp-content\/uploads\/Cosme-Bonet-ple-30-06-20-600x400.jpeg\" class=\"attachment-notio-general-x2 size-notio-general-x2 wp-post-image\" alt=\"\" srcset=\"https:\/\/www.psib-psoe.org\/mallorca\/wp-content\/uploads\/Cosme-Bonet-ple-30-06-20-600x400.jpeg 600w, https:\/\/www.psib-psoe.org\/mallorca\/wp-content\/uploads\/Cosme-Bonet-ple-30-06-20-300x200.jpeg 300w, https:\/\/www.psib-psoe.org\/mallorca\/wp-content\/uploads\/Cosme-Bonet-ple-30-06-20-768x512.jpeg 768w, https:\/\/www.psib-psoe.org\/mallorca\/wp-content\/uploads\/Cosme-Bonet-ple-30-06-20-1024x683.jpeg 1024w, https:\/\/www.psib-psoe.org\/mallorca\/wp-content\/uploads\/Cosme-Bonet-ple-30-06-20-150x100.jpeg 150w, https:\/\/www.psib-psoe.org\/mallorca\/wp-content\/uploads\/Cosme-Bonet-ple-30-06-20-900x600.jpeg 900w, https:\/\/www.psib-psoe.org\/mallorca\/wp-content\/uploads\/Cosme-Bonet-ple-30-06-20-20x13.jpeg 20w, https:\/\/www.psib-psoe.org\/mallorca\/wp-content\/uploads\/Cosme-Bonet-ple-30-06-20.jpeg 1920w\" sizes=\"(max-width: 600px) 100vw, 600px\" \/><\/figure>\n\t\t<div class=\"blog-top\">\n\t\t\t<header class=\"post-title entry-header\">\n\t\t\t\t<aside class=\"post-meta cf\">\n\t\t30\/06\/2020 \/ <a href=\"https:\/\/www.psib-psoe.org\/mallorca\/category\/federacio-de-mallorca\/\" rel=\"category tag\">Federaci\u00f3 de Mallorca<\/a><\/aside>\n\t\t\t\t<h3 itemprop=\"headline\"><a href=\"https:\/\/www.psib-psoe.org\/mallorca\/reyes-maroto-destaca-el-gran-resultat-del-pla-pilot-de-turisme-de-balears-el-qual-ens-mostra-al-mon-com-a-destinacio-segura-i-amb-les-maximes-garanties\/\" title=\"Reyes Maroto destaca el \u201cgran resultat\u201d del pla pilot de turisme de Balears, el qual \u201cens mostra al m\u00f3n com a destinaci\u00f3 segura i amb les m\u00e0ximes garanties\u201d\">Reyes Maroto destaca el \u201cgran resultat\u201d del pla pilot de turisme de Balears, el qual \u201cens mostra al m\u00f3n com a destinaci\u00f3 segura i amb les m\u00e0ximes garanties\u201d<\/a><\/h3>\n\t\t\t<\/header>\n\t\t<\/div>\n\t\t<div class=\"post-content\">\n\t\t\t<a href=\"https:\/\/www.psib-psoe.org\/mallorca\/reyes-maroto-destaca-el-gran-resultat-del-pla-pilot-de-turisme-de-balears-el-qual-ens-mostra-al-mon-com-a-destinacio-segura-i-amb-les-maximes-garanties\/\" class=\"more-link\">Read More<\/a>\n\t\t<\/div>\n\t\t\t<aside class=\"post-bottom-meta hide\">\n\t\t<strong rel=\"author\" itemprop=\"author\" class=\"author vcard\"><span class=\"fn\">adminpsib<\/span><\/strong>\n\t\t<time class=\"date published time\" datetime=\"2020-06-30T18:08:20+02:00\" itemprop=\"datePublished\" content=\"2020-06-30T18:08:20+02:00\">30\/06\/2020<\/time>\n\t\t<meta itemprop=\"dateModified\" class=\"date updated\" content=\"2020-06-30T18:08:20+02:00\">\n\t\t<span class=\"hide\" itemprop=\"publisher\" itemscope itemtype=\"https:\/\/schema.org\/Organization\">\n\t\t\t<meta itemprop=\"name\" content=\"SocialistesdMca\">\n\t\t\t<span itemprop=\"logo\" itemscope itemtype=\"https:\/\/schema.org\/ImageObject\">\n\t\t\t\t<meta itemprop=\"url\" content=\"https:\/\/www.psib-psoe.org\/mallorca\/wp-content\/themes\/notio-wp\/assets\/img\/logo.png\">\n\t\t\t<\/span>\n\t\t\t<meta itemprop=\"url\" content=\"https:\/\/www.psib-psoe.org\/mallorca\/\">\n\t\t<\/span>\n\t\t\t\t<span class=\"hide\" itemprop=\"image\" itemscope itemtype=\"http:\/\/schema.org\/ImageObject\">\n\t\t\t<meta itemprop=\"url\" content=\"https:\/\/www.psib-psoe.org\/mallorca\/wp-content\/uploads\/Cosme-Bonet-ple-30-06-20.jpeg\">\n\t\t\t<meta itemprop=\"width\" content=\"1920\">\n\t\t\t<meta itemprop=\"height\" content=\"1280\">\n\t\t<\/span>\n\t\t\t\t<meta itemscope itemprop=\"mainEntityOfPage\" itemtype=\"https:\/\/schema.org\/WebPage\" itemid=\"https:\/\/www.psib-psoe.org\/mallorca\/reyes-maroto-destaca-el-gran-resultat-del-pla-pilot-de-turisme-de-balears-el-qual-ens-mostra-al-mon-com-a-destinacio-segura-i-amb-les-maximes-garanties\/\">\n\t<\/aside>\n\t\t<\/article>\n<\/div>\n<div class=\"small-12 large-4 columns\">\n\t<article itemscope itemtype=\"http:\/\/schema.org\/Article\" class=\"post blog-style7 alt post-25388 type-post status-publish format-standard has-post-thumbnail hentry category-federacio-de-mallorca tag-federacio-socialista-de-mallorca\" role=\"article\">\n\t\t<figure class=\"post-gallery\"><img loading=\"lazy\" decoding=\"async\" width=\"600\" height=\"400\" src=\"https:\/\/www.psib-psoe.org\/mallorca\/wp-content\/uploads\/Cosme-Bonet-13-1-600x400.jpg\" class=\"attachment-notio-general-x2 size-notio-general-x2 wp-post-image\" alt=\"\" srcset=\"https:\/\/www.psib-psoe.org\/mallorca\/wp-content\/uploads\/Cosme-Bonet-13-1-600x400.jpg 600w, https:\/\/www.psib-psoe.org\/mallorca\/wp-content\/uploads\/Cosme-Bonet-13-1-300x200.jpg 300w, https:\/\/www.psib-psoe.org\/mallorca\/wp-content\/uploads\/Cosme-Bonet-13-1-768x512.jpg 768w, https:\/\/www.psib-psoe.org\/mallorca\/wp-content\/uploads\/Cosme-Bonet-13-1-1024x683.jpg 1024w, https:\/\/www.psib-psoe.org\/mallorca\/wp-content\/uploads\/Cosme-Bonet-13-1-150x100.jpg 150w, https:\/\/www.psib-psoe.org\/mallorca\/wp-content\/uploads\/Cosme-Bonet-13-1-900x600.jpg 900w, https:\/\/www.psib-psoe.org\/mallorca\/wp-content\/uploads\/Cosme-Bonet-13-1-20x13.jpg 20w\" sizes=\"(max-width: 600px) 100vw, 600px\" \/><\/figure>\n\t\t<div class=\"blog-top\">\n\t\t\t<header class=\"post-title entry-header\">\n\t\t\t\t<aside class=\"post-meta cf\">\n\t\t27\/06\/2020 \/ <a href=\"https:\/\/www.psib-psoe.org\/mallorca\/category\/federacio-de-mallorca\/\" rel=\"category tag\">Federaci\u00f3 de Mallorca<\/a><\/aside>\n\t\t\t\t<h3 itemprop=\"headline\"><a href=\"https:\/\/www.psib-psoe.org\/mallorca\/cosme-bonet-demanara-a-la-ministra-maroto-com-valora-el-pla-pilot-de-turisme-segur-de-balears\/\" title=\"Cosme Bonet demanar\u00e0 a la ministra Maroto com valora el pla pilot de turisme segur de Balears\">Cosme Bonet demanar\u00e0 a la ministra Maroto com valora el pla pilot de turisme segur de Balears<\/a><\/h3>\n\t\t\t<\/header>\n\t\t<\/div>\n\t\t<div class=\"post-content\">\n\t\t\t<a href=\"https:\/\/www.psib-psoe.org\/mallorca\/cosme-bonet-demanara-a-la-ministra-maroto-com-valora-el-pla-pilot-de-turisme-segur-de-balears\/\" class=\"more-link\">Read More<\/a>\n\t\t<\/div>\n\t\t\t<aside class=\"post-bottom-meta hide\">\n\t\t<strong rel=\"author\" itemprop=\"author\" class=\"author vcard\"><span class=\"fn\">adminpsib<\/span><\/strong>\n\t\t<time class=\"date published time\" datetime=\"2020-06-27T10:17:56+02:00\" itemprop=\"datePublished\" content=\"2020-06-27T10:17:56+02:00\">27\/06\/2020<\/time>\n\t\t<meta itemprop=\"dateModified\" class=\"date updated\" content=\"2020-06-27T10:17:56+02:00\">\n\t\t<span class=\"hide\" itemprop=\"publisher\" itemscope itemtype=\"https:\/\/schema.org\/Organization\">\n\t\t\t<meta itemprop=\"name\" content=\"SocialistesdMca\">\n\t\t\t<span itemprop=\"logo\" itemscope itemtype=\"https:\/\/schema.org\/ImageObject\">\n\t\t\t\t<meta itemprop=\"url\" content=\"https:\/\/www.psib-psoe.org\/mallorca\/wp-content\/themes\/notio-wp\/assets\/img\/logo.png\">\n\t\t\t<\/span>\n\t\t\t<meta itemprop=\"url\" content=\"https:\/\/www.psib-psoe.org\/mallorca\/\">\n\t\t<\/span>\n\t\t\t\t<span class=\"hide\" itemprop=\"image\" itemscope itemtype=\"http:\/\/schema.org\/ImageObject\">\n\t\t\t<meta itemprop=\"url\" content=\"https:\/\/www.psib-psoe.org\/mallorca\/wp-content\/uploads\/Cosme-Bonet-13-1.jpg\">\n\t\t\t<meta itemprop=\"width\" content=\"4896\">\n\t\t\t<meta itemprop=\"height\" content=\"3264\">\n\t\t<\/span>\n\t\t\t\t<meta itemscope itemprop=\"mainEntityOfPage\" itemtype=\"https:\/\/schema.org\/WebPage\" itemid=\"https:\/\/www.psib-psoe.org\/mallorca\/cosme-bonet-demanara-a-la-ministra-maroto-com-valora-el-pla-pilot-de-turisme-segur-de-balears\/\">\n\t<\/aside>\n\t\t<\/article>\n<\/div>\n<div class=\"small-12 large-4 columns\">\n\t<article itemscope itemtype=\"http:\/\/schema.org\/Article\" class=\"post blog-style7 alt post-25379 type-post status-publish format-standard has-post-thumbnail hentry category-federacio-de-mallorca tag-federacio-socialista-de-mallorca\" role=\"article\">\n\t\t<figure class=\"post-gallery\"><img loading=\"lazy\" decoding=\"async\" width=\"600\" height=\"400\" src=\"https:\/\/www.psib-psoe.org\/mallorca\/wp-content\/uploads\/Pere-Joan-Pons-Cosme-Bonet-i-Susanna-Moll-19-06-20-600x400.jpg\" class=\"attachment-notio-general-x2 size-notio-general-x2 wp-post-image\" alt=\"\" srcset=\"https:\/\/www.psib-psoe.org\/mallorca\/wp-content\/uploads\/Pere-Joan-Pons-Cosme-Bonet-i-Susanna-Moll-19-06-20-600x400.jpg 600w, https:\/\/www.psib-psoe.org\/mallorca\/wp-content\/uploads\/Pere-Joan-Pons-Cosme-Bonet-i-Susanna-Moll-19-06-20-300x200.jpg 300w, https:\/\/www.psib-psoe.org\/mallorca\/wp-content\/uploads\/Pere-Joan-Pons-Cosme-Bonet-i-Susanna-Moll-19-06-20-20x13.jpg 20w, https:\/\/www.psib-psoe.org\/mallorca\/wp-content\/uploads\/Pere-Joan-Pons-Cosme-Bonet-i-Susanna-Moll-19-06-20-900x600.jpg 900w\" sizes=\"(max-width: 600px) 100vw, 600px\" \/><\/figure>\n\t\t<div class=\"blog-top\">\n\t\t\t<header class=\"post-title entry-header\">\n\t\t\t\t<aside class=\"post-meta cf\">\n\t\t19\/06\/2020 \/ <a href=\"https:\/\/www.psib-psoe.org\/mallorca\/category\/federacio-de-mallorca\/\" rel=\"category tag\">Federaci\u00f3 de Mallorca<\/a><\/aside>\n\t\t\t\t<h3 itemprop=\"headline\"><a href=\"https:\/\/www.psib-psoe.org\/mallorca\/el-psib-psoe-defensa-que-estam-tenint-una-sortida-diferent-daltres-crisis-protegint-a-milers-de-persones-que-han-quedat-en-situacio-de-dificultat\/\" title=\"El PSIB-PSOE defensa que \u201cestam tenint una sortida diferent d\u2019altres crisis, protegint a milers de persones que han quedat en situaci\u00f3 de dificultat\u201d\">El PSIB-PSOE defensa que \u201cestam tenint una sortida diferent d\u2019altres crisis, protegint a milers de persones que han quedat en situaci\u00f3 de dificultat\u201d<\/a><\/h3>\n\t\t\t<\/header>\n\t\t<\/div>\n\t\t<div class=\"post-content\">\n\t\t\t<a href=\"https:\/\/www.psib-psoe.org\/mallorca\/el-psib-psoe-defensa-que-estam-tenint-una-sortida-diferent-daltres-crisis-protegint-a-milers-de-persones-que-han-quedat-en-situacio-de-dificultat\/\" class=\"more-link\">Read More<\/a>\n\t\t<\/div>\n\t\t\t<aside class=\"post-bottom-meta hide\">\n\t\t<strong rel=\"author\" itemprop=\"author\" class=\"author vcard\"><span class=\"fn\">adminpsib<\/span><\/strong>\n\t\t<time class=\"date published time\" datetime=\"2020-06-19T12:31:52+02:00\" itemprop=\"datePublished\" content=\"2020-06-19T12:31:52+02:00\">19\/06\/2020<\/time>\n\t\t<meta itemprop=\"dateModified\" class=\"date updated\" content=\"2020-06-19T12:31:52+02:00\">\n\t\t<span class=\"hide\" itemprop=\"publisher\" itemscope itemtype=\"https:\/\/schema.org\/Organization\">\n\t\t\t<meta itemprop=\"name\" content=\"SocialistesdMca\">\n\t\t\t<span itemprop=\"logo\" itemscope itemtype=\"https:\/\/schema.org\/ImageObject\">\n\t\t\t\t<meta itemprop=\"url\" content=\"https:\/\/www.psib-psoe.org\/mallorca\/wp-content\/themes\/notio-wp\/assets\/img\/logo.png\">\n\t\t\t<\/span>\n\t\t\t<meta itemprop=\"url\" content=\"https:\/\/www.psib-psoe.org\/mallorca\/\">\n\t\t<\/span>\n\t\t\t\t<span class=\"hide\" itemprop=\"image\" itemscope itemtype=\"http:\/\/schema.org\/ImageObject\">\n\t\t\t<meta itemprop=\"url\" content=\"https:\/\/www.psib-psoe.org\/mallorca\/wp-content\/uploads\/Pere-Joan-Pons-Cosme-Bonet-i-Susanna-Moll-19-06-20.jpg\">\n\t\t\t<meta itemprop=\"width\" content=\"3856\">\n\t\t\t<meta itemprop=\"height\" content=\"2491\">\n\t\t<\/span>\n\t\t\t\t<meta itemscope itemprop=\"mainEntityOfPage\" itemtype=\"https:\/\/schema.org\/WebPage\" itemid=\"https:\/\/www.psib-psoe.org\/mallorca\/el-psib-psoe-defensa-que-estam-tenint-una-sortida-diferent-daltres-crisis-protegint-a-milers-de-persones-que-han-quedat-en-situacio-de-dificultat\/\">\n\t<\/aside>\n\t\t<\/article>\n<\/div>\n<div class=\"small-12 large-4 columns\">\n\t<article itemscope itemtype=\"http:\/\/schema.org\/Article\" class=\"post blog-style7 alt post-25374 type-post status-publish format-standard has-post-thumbnail hentry category-federacio-de-mallorca category-portada\" role=\"article\">\n\t\t<figure class=\"post-gallery\"><img loading=\"lazy\" decoding=\"async\" width=\"600\" height=\"400\" src=\"https:\/\/www.psib-psoe.org\/mallorca\/wp-content\/uploads\/IMG_0178-600x400.jpg\" class=\"attachment-notio-general-x2 size-notio-general-x2 wp-post-image\" alt=\"\" srcset=\"https:\/\/www.psib-psoe.org\/mallorca\/wp-content\/uploads\/IMG_0178-600x400.jpg 600w, https:\/\/www.psib-psoe.org\/mallorca\/wp-content\/uploads\/IMG_0178-300x200.jpg 300w, https:\/\/www.psib-psoe.org\/mallorca\/wp-content\/uploads\/IMG_0178-900x600.jpg 900w, https:\/\/www.psib-psoe.org\/mallorca\/wp-content\/uploads\/IMG_0178-20x13.jpg 20w\" sizes=\"(max-width: 600px) 100vw, 600px\" \/><\/figure>\n\t\t<div class=\"blog-top\">\n\t\t\t<header class=\"post-title entry-header\">\n\t\t\t\t<aside class=\"post-meta cf\">\n\t\t17\/06\/2020 \/ <a href=\"https:\/\/www.psib-psoe.org\/mallorca\/category\/federacio-de-mallorca\/\" rel=\"category tag\">Federaci\u00f3 de Mallorca<\/a>, <a href=\"https:\/\/www.psib-psoe.org\/mallorca\/category\/portada\/\" rel=\"category tag\">Portada<\/a><\/aside>\n\t\t\t\t<h3 itemprop=\"headline\"><a href=\"https:\/\/www.psib-psoe.org\/mallorca\/cosme-bonet-demana-al-pp-que-satreveixi-a-xerrar-clar-i-digui-si-les-seves-mesures-per-superar-les-consequencies-de-la-covid19-son-noves-retallades\/\" title=\"Cosme Bonet demana al PP \u201cque s\u2019atreveixi a xerrar clar\u201d i digui si les seves mesures per superar les conseq\u00fc\u00e8ncies de la COVID19 \u201cs\u00f3n noves retallades\u201d\">Cosme Bonet demana al PP \u201cque s\u2019atreveixi a xerrar clar\u201d i digui si les seves mesures per superar les conseq\u00fc\u00e8ncies de la COVID19 \u201cs\u00f3n noves retallades\u201d<\/a><\/h3>\n\t\t\t<\/header>\n\t\t<\/div>\n\t\t<div class=\"post-content\">\n\t\t\t<a href=\"https:\/\/www.psib-psoe.org\/mallorca\/cosme-bonet-demana-al-pp-que-satreveixi-a-xerrar-clar-i-digui-si-les-seves-mesures-per-superar-les-consequencies-de-la-covid19-son-noves-retallades\/\" class=\"more-link\">Read More<\/a>\n\t\t<\/div>\n\t\t\t<aside class=\"post-bottom-meta hide\">\n\t\t<strong rel=\"author\" itemprop=\"author\" class=\"author vcard\"><span class=\"fn\">Marc<\/span><\/strong>\n\t\t<time class=\"date published time\" datetime=\"2020-06-17T11:11:21+02:00\" itemprop=\"datePublished\" content=\"2020-06-17T11:11:21+02:00\">17\/06\/2020<\/time>\n\t\t<meta itemprop=\"dateModified\" class=\"date updated\" content=\"2020-06-17T11:11:21+02:00\">\n\t\t<span class=\"hide\" itemprop=\"publisher\" itemscope itemtype=\"https:\/\/schema.org\/Organization\">\n\t\t\t<meta itemprop=\"name\" content=\"SocialistesdMca\">\n\t\t\t<span itemprop=\"logo\" itemscope itemtype=\"https:\/\/schema.org\/ImageObject\">\n\t\t\t\t<meta itemprop=\"url\" content=\"https:\/\/www.psib-psoe.org\/mallorca\/wp-content\/themes\/notio-wp\/assets\/img\/logo.png\">\n\t\t\t<\/span>\n\t\t\t<meta itemprop=\"url\" content=\"https:\/\/www.psib-psoe.org\/mallorca\/\">\n\t\t<\/span>\n\t\t\t\t<span class=\"hide\" itemprop=\"image\" itemscope itemtype=\"http:\/\/schema.org\/ImageObject\">\n\t\t\t<meta itemprop=\"url\" content=\"https:\/\/www.psib-psoe.org\/mallorca\/wp-content\/uploads\/IMG_0178.jpg\">\n\t\t\t<meta itemprop=\"width\" content=\"1024\">\n\t\t\t<meta itemprop=\"height\" content=\"768\">\n\t\t<\/span>\n\t\t\t\t<meta itemscope itemprop=\"mainEntityOfPage\" itemtype=\"https:\/\/schema.org\/WebPage\" itemid=\"https:\/\/www.psib-psoe.org\/mallorca\/cosme-bonet-demana-al-pp-que-satreveixi-a-xerrar-clar-i-digui-si-les-seves-mesures-per-superar-les-consequencies-de-la-covid19-son-noves-retallades\/\">\n\t<\/aside>\n\t\t<\/article>\n<\/div>\n<div class=\"small-12 large-4 columns\">\n\t<article itemscope itemtype=\"http:\/\/schema.org\/Article\" class=\"post blog-style7 alt post-25364 type-post status-publish format-standard has-post-thumbnail hentry category-federacio-de-mallorca category-opinio category-portada tag-federacio-socialista-de-mallorca\" role=\"article\">\n\t\t<figure class=\"post-gallery\"><img loading=\"lazy\" decoding=\"async\" width=\"600\" height=\"400\" src=\"https:\/\/www.psib-psoe.org\/mallorca\/wp-content\/uploads\/Susanna-Moll-600x400.jpg\" class=\"attachment-notio-general-x2 size-notio-general-x2 wp-post-image\" alt=\"\" srcset=\"https:\/\/www.psib-psoe.org\/mallorca\/wp-content\/uploads\/Susanna-Moll-600x400.jpg 600w, https:\/\/www.psib-psoe.org\/mallorca\/wp-content\/uploads\/Susanna-Moll-300x200.jpg 300w, https:\/\/www.psib-psoe.org\/mallorca\/wp-content\/uploads\/Susanna-Moll-768x512.jpg 768w, https:\/\/www.psib-psoe.org\/mallorca\/wp-content\/uploads\/Susanna-Moll-1024x683.jpg 1024w, https:\/\/www.psib-psoe.org\/mallorca\/wp-content\/uploads\/Susanna-Moll-150x100.jpg 150w, https:\/\/www.psib-psoe.org\/mallorca\/wp-content\/uploads\/Susanna-Moll-900x600.jpg 900w, https:\/\/www.psib-psoe.org\/mallorca\/wp-content\/uploads\/Susanna-Moll-20x13.jpg 20w\" sizes=\"(max-width: 600px) 100vw, 600px\" \/><\/figure>\n\t\t<div class=\"blog-top\">\n\t\t\t<header class=\"post-title entry-header\">\n\t\t\t\t<aside class=\"post-meta cf\">\n\t\t04\/06\/2020 \/ <a href=\"https:\/\/www.psib-psoe.org\/mallorca\/category\/federacio-de-mallorca\/\" rel=\"category tag\">Federaci\u00f3 de Mallorca<\/a>, <a href=\"https:\/\/www.psib-psoe.org\/mallorca\/category\/opinio\/\" rel=\"category tag\">Opini\u00f3<\/a>, <a href=\"https:\/\/www.psib-psoe.org\/mallorca\/category\/portada\/\" rel=\"category tag\">Portada<\/a><\/aside>\n\t\t\t\t<h3 itemprop=\"headline\"><a href=\"https:\/\/www.psib-psoe.org\/mallorca\/el-dificil-equilibri-o-una-questio-de-fe-per-susanna-moll\/\" title=\"\u201cEl dif\u00edcil equilibri o una q\u00fcesti\u00f3 de fe\u201d, per Susanna Moll\">\u201cEl dif\u00edcil equilibri o una q\u00fcesti\u00f3 de fe\u201d, per Susanna Moll<\/a><\/h3>\n\t\t\t<\/header>\n\t\t<\/div>\n\t\t<div class=\"post-content\">\n\t\t\t<a href=\"https:\/\/www.psib-psoe.org\/mallorca\/el-dificil-equilibri-o-una-questio-de-fe-per-susanna-moll\/\" class=\"more-link\">Read More<\/a>\n\t\t<\/div>\n\t\t\t<aside class=\"post-bottom-meta hide\">\n\t\t<strong rel=\"author\" itemprop=\"author\" class=\"author vcard\"><span class=\"fn\">adminpsib<\/span><\/strong>\n\t\t<time class=\"date published time\" datetime=\"2020-06-04T10:50:33+02:00\" itemprop=\"datePublished\" content=\"2020-06-04T10:50:33+02:00\">04\/06\/2020<\/time>\n\t\t<meta itemprop=\"dateModified\" class=\"date updated\" content=\"2020-06-04T10:58:04+02:00\">\n\t\t<span class=\"hide\" itemprop=\"publisher\" itemscope itemtype=\"https:\/\/schema.org\/Organization\">\n\t\t\t<meta itemprop=\"name\" content=\"SocialistesdMca\">\n\t\t\t<span itemprop=\"logo\" itemscope itemtype=\"https:\/\/schema.org\/ImageObject\">\n\t\t\t\t<meta itemprop=\"url\" content=\"https:\/\/www.psib-psoe.org\/mallorca\/wp-content\/themes\/notio-wp\/assets\/img\/logo.png\">\n\t\t\t<\/span>\n\t\t\t<meta itemprop=\"url\" content=\"https:\/\/www.psib-psoe.org\/mallorca\/\">\n\t\t<\/span>\n\t\t\t\t<span class=\"hide\" itemprop=\"image\" itemscope itemtype=\"http:\/\/schema.org\/ImageObject\">\n\t\t\t<meta itemprop=\"url\" content=\"https:\/\/www.psib-psoe.org\/mallorca\/wp-content\/uploads\/Susanna-Moll.jpg\">\n\t\t\t<meta itemprop=\"width\" content=\"6240\">\n\t\t\t<meta itemprop=\"height\" content=\"4160\">\n\t\t<\/span>\n\t\t\t\t<meta itemscope itemprop=\"mainEntityOfPage\" itemtype=\"https:\/\/schema.org\/WebPage\" itemid=\"https:\/\/www.psib-psoe.org\/mallorca\/el-dificil-equilibri-o-una-questio-de-fe-per-susanna-moll\/\">\n\t<\/aside>\n\t\t<\/article>\n<\/div>\n<div class=\"small-12 large-4 columns\">\n\t<article itemscope itemtype=\"http:\/\/schema.org\/Article\" class=\"post blog-style7 alt post-25362 type-post status-publish format-standard has-post-thumbnail hentry category-federacio-de-mallorca category-municipis category-portada\" role=\"article\">\n\t\t<figure class=\"post-gallery\"><img loading=\"lazy\" decoding=\"async\" width=\"600\" height=\"400\" src=\"https:\/\/www.psib-psoe.org\/mallorca\/wp-content\/uploads\/12-Juli-Dalmau_05-600x400.jpg\" class=\"attachment-notio-general-x2 size-notio-general-x2 wp-post-image\" alt=\"\" srcset=\"https:\/\/www.psib-psoe.org\/mallorca\/wp-content\/uploads\/12-Juli-Dalmau_05-600x400.jpg 600w, https:\/\/www.psib-psoe.org\/mallorca\/wp-content\/uploads\/12-Juli-Dalmau_05-300x200.jpg 300w, https:\/\/www.psib-psoe.org\/mallorca\/wp-content\/uploads\/12-Juli-Dalmau_05-768x512.jpg 768w, https:\/\/www.psib-psoe.org\/mallorca\/wp-content\/uploads\/12-Juli-Dalmau_05-1024x683.jpg 1024w, https:\/\/www.psib-psoe.org\/mallorca\/wp-content\/uploads\/12-Juli-Dalmau_05-150x100.jpg 150w, https:\/\/www.psib-psoe.org\/mallorca\/wp-content\/uploads\/12-Juli-Dalmau_05-900x600.jpg 900w, https:\/\/www.psib-psoe.org\/mallorca\/wp-content\/uploads\/12-Juli-Dalmau_05-20x13.jpg 20w\" sizes=\"(max-width: 600px) 100vw, 600px\" \/><\/figure>\n\t\t<div class=\"blog-top\">\n\t\t\t<header class=\"post-title entry-header\">\n\t\t\t\t<aside class=\"post-meta cf\">\n\t\t28\/05\/2020 \/ <a href=\"https:\/\/www.psib-psoe.org\/mallorca\/category\/federacio-de-mallorca\/\" rel=\"category tag\">Federaci\u00f3 de Mallorca<\/a>, <a href=\"https:\/\/www.psib-psoe.org\/mallorca\/category\/municipis\/\" rel=\"category tag\">Municipis<\/a>, <a href=\"https:\/\/www.psib-psoe.org\/mallorca\/category\/portada\/\" rel=\"category tag\">Portada<\/a><\/aside>\n\t\t\t\t<h3 itemprop=\"headline\"><a href=\"https:\/\/www.psib-psoe.org\/mallorca\/els-socialistes-de-mallorca-presenten-una-iniciativa-a-tots-els-ajuntaments-per-instar-los-a-collaborar-en-laplicacio-del-decret-llei-de-proteccio-del-territori\/\" title=\"Els Socialistes de Mallorca presenten una iniciativa a tots els ajuntaments per instar-los a col\u00b7laborar en l\u2019aplicaci\u00f3 del decret llei de protecci\u00f3 del territori\">Els Socialistes de Mallorca presenten una iniciativa a tots els ajuntaments per instar-los a col\u00b7laborar en l\u2019aplicaci\u00f3 del decret llei de protecci\u00f3 del territori<\/a><\/h3>\n\t\t\t<\/header>\n\t\t<\/div>\n\t\t<div class=\"post-content\">\n\t\t\t<a href=\"https:\/\/www.psib-psoe.org\/mallorca\/els-socialistes-de-mallorca-presenten-una-iniciativa-a-tots-els-ajuntaments-per-instar-los-a-collaborar-en-laplicacio-del-decret-llei-de-proteccio-del-territori\/\" class=\"more-link\">Read More<\/a>\n\t\t<\/div>\n\t\t\t<aside class=\"post-bottom-meta hide\">\n\t\t<strong rel=\"author\" itemprop=\"author\" class=\"author vcard\"><span class=\"fn\">Marc<\/span><\/strong>\n\t\t<time class=\"date published time\" datetime=\"2020-05-28T12:13:35+02:00\" itemprop=\"datePublished\" content=\"2020-05-28T12:13:35+02:00\">28\/05\/2020<\/time>\n\t\t<meta itemprop=\"dateModified\" class=\"date updated\" content=\"2021-02-05T11:35:47+02:00\">\n\t\t<span class=\"hide\" itemprop=\"publisher\" itemscope itemtype=\"https:\/\/schema.org\/Organization\">\n\t\t\t<meta itemprop=\"name\" content=\"SocialistesdMca\">\n\t\t\t<span itemprop=\"logo\" itemscope itemtype=\"https:\/\/schema.org\/ImageObject\">\n\t\t\t\t<meta itemprop=\"url\" content=\"https:\/\/www.psib-psoe.org\/mallorca\/wp-content\/themes\/notio-wp\/assets\/img\/logo.png\">\n\t\t\t<\/span>\n\t\t\t<meta itemprop=\"url\" content=\"https:\/\/www.psib-psoe.org\/mallorca\/\">\n\t\t<\/span>\n\t\t\t\t<span class=\"hide\" itemprop=\"image\" itemscope itemtype=\"http:\/\/schema.org\/ImageObject\">\n\t\t\t<meta itemprop=\"url\" content=\"https:\/\/www.psib-psoe.org\/mallorca\/wp-content\/uploads\/12-Juli-Dalmau_05.jpg\">\n\t\t\t<meta itemprop=\"width\" content=\"4686\">\n\t\t\t<meta itemprop=\"height\" content=\"3124\">\n\t\t<\/span>\n\t\t\t\t<meta itemscope itemprop=\"mainEntityOfPage\" itemtype=\"https:\/\/schema.org\/WebPage\" itemid=\"https:\/\/www.psib-psoe.org\/mallorca\/els-socialistes-de-mallorca-presenten-una-iniciativa-a-tots-els-ajuntaments-per-instar-los-a-collaborar-en-laplicacio-del-decret-llei-de-proteccio-del-territori\/\">\n\t<\/aside>\n\t\t<\/article>\n<\/div>\n<div class=\"small-12 large-4 columns\">\n\t<article itemscope itemtype=\"http:\/\/schema.org\/Article\" class=\"post blog-style7 alt post-25357 type-post status-publish format-standard has-post-thumbnail hentry category-federacio-de-mallorca tag-federacio-socialista-de-mallorca\" role=\"article\">\n\t\t<figure class=\"post-gallery\"><img loading=\"lazy\" decoding=\"async\" width=\"600\" height=\"400\" src=\"https:\/\/www.psib-psoe.org\/mallorca\/wp-content\/uploads\/susanna-moll-cosme-bonet-patricia-abascal-senat-2-600x400.jpeg\" class=\"attachment-notio-general-x2 size-notio-general-x2 wp-post-image\" alt=\"\" srcset=\"https:\/\/www.psib-psoe.org\/mallorca\/wp-content\/uploads\/susanna-moll-cosme-bonet-patricia-abascal-senat-2-600x400.jpeg 600w, https:\/\/www.psib-psoe.org\/mallorca\/wp-content\/uploads\/susanna-moll-cosme-bonet-patricia-abascal-senat-2-300x200.jpeg 300w, https:\/\/www.psib-psoe.org\/mallorca\/wp-content\/uploads\/susanna-moll-cosme-bonet-patricia-abascal-senat-2-900x600.jpeg 900w, https:\/\/www.psib-psoe.org\/mallorca\/wp-content\/uploads\/susanna-moll-cosme-bonet-patricia-abascal-senat-2-20x13.jpeg 20w\" sizes=\"(max-width: 600px) 100vw, 600px\" \/><\/figure>\n\t\t<div class=\"blog-top\">\n\t\t\t<header class=\"post-title entry-header\">\n\t\t\t\t<aside class=\"post-meta cf\">\n\t\t24\/05\/2020 \/ <a href=\"https:\/\/www.psib-psoe.org\/mallorca\/category\/federacio-de-mallorca\/\" rel=\"category tag\">Federaci\u00f3 de Mallorca<\/a><\/aside>\n\t\t\t\t<h3 itemprop=\"headline\"><a href=\"https:\/\/www.psib-psoe.org\/mallorca\/el-psib-psoe-registra-al-senat-la-creacio-duna-ponencia-dinsularitat-per-analitzar-els-efectes-daquesta-especialment-amb-la-covid-19\/\" title=\"El PSIB-PSOE registra al Senat la creaci\u00f3 d\u2019una pon\u00e8ncia d\u2019insularitat per analitzar els efectes d\u2019aquesta, especialment amb la COVID-19\">El PSIB-PSOE registra al Senat la creaci\u00f3 d\u2019una pon\u00e8ncia d\u2019insularitat per analitzar els efectes d\u2019aquesta, especialment amb la COVID-19<\/a><\/h3>\n\t\t\t<\/header>\n\t\t<\/div>\n\t\t<div class=\"post-content\">\n\t\t\t<a href=\"https:\/\/www.psib-psoe.org\/mallorca\/el-psib-psoe-registra-al-senat-la-creacio-duna-ponencia-dinsularitat-per-analitzar-els-efectes-daquesta-especialment-amb-la-covid-19\/\" class=\"more-link\">Read More<\/a>\n\t\t<\/div>\n\t\t\t<aside class=\"post-bottom-meta hide\">\n\t\t<strong rel=\"author\" itemprop=\"author\" class=\"author vcard\"><span class=\"fn\">adminpsib<\/span><\/strong>\n\t\t<time class=\"date published time\" datetime=\"2020-05-24T11:10:19+02:00\" itemprop=\"datePublished\" content=\"2020-05-24T11:10:19+02:00\">24\/05\/2020<\/time>\n\t\t<meta itemprop=\"dateModified\" class=\"date updated\" content=\"2020-05-24T11:10:19+02:00\">\n\t\t<span class=\"hide\" itemprop=\"publisher\" itemscope itemtype=\"https:\/\/schema.org\/Organization\">\n\t\t\t<meta itemprop=\"name\" content=\"SocialistesdMca\">\n\t\t\t<span itemprop=\"logo\" itemscope itemtype=\"https:\/\/schema.org\/ImageObject\">\n\t\t\t\t<meta itemprop=\"url\" content=\"https:\/\/www.psib-psoe.org\/mallorca\/wp-content\/themes\/notio-wp\/assets\/img\/logo.png\">\n\t\t\t<\/span>\n\t\t\t<meta itemprop=\"url\" content=\"https:\/\/www.psib-psoe.org\/mallorca\/\">\n\t\t<\/span>\n\t\t\t\t<span class=\"hide\" itemprop=\"image\" itemscope itemtype=\"http:\/\/schema.org\/ImageObject\">\n\t\t\t<meta itemprop=\"url\" content=\"https:\/\/www.psib-psoe.org\/mallorca\/wp-content\/uploads\/susanna-moll-cosme-bonet-patricia-abascal-senat-2.jpeg\">\n\t\t\t<meta itemprop=\"width\" content=\"1024\">\n\t\t\t<meta itemprop=\"height\" content=\"769\">\n\t\t<\/span>\n\t\t\t\t<meta itemscope itemprop=\"mainEntityOfPage\" itemtype=\"https:\/\/schema.org\/WebPage\" itemid=\"https:\/\/www.psib-psoe.org\/mallorca\/el-psib-psoe-registra-al-senat-la-creacio-duna-ponencia-dinsularitat-per-analitzar-els-efectes-daquesta-especialment-amb-la-covid-19\/\">\n\t<\/aside>\n\t\t<\/article>\n<\/div>\n<div class=\"small-12 large-4 columns\">\n\t<article itemscope itemtype=\"http:\/\/schema.org\/Article\" class=\"post blog-style7 alt post-25355 type-post status-publish format-standard has-post-thumbnail hentry category-federacio-de-mallorca tag-federacio-socialista-de-mallorca\" role=\"article\">\n\t\t<figure class=\"post-gallery\"><img loading=\"lazy\" decoding=\"async\" width=\"600\" height=\"400\" src=\"https:\/\/www.psib-psoe.org\/mallorca\/wp-content\/uploads\/Andreu-Crespi-@Parlament-de-les-Illes-Balears-600x400.jpg\" class=\"attachment-notio-general-x2 size-notio-general-x2 wp-post-image\" alt=\"\" srcset=\"https:\/\/www.psib-psoe.org\/mallorca\/wp-content\/uploads\/Andreu-Crespi-@Parlament-de-les-Illes-Balears-600x400.jpg 600w, https:\/\/www.psib-psoe.org\/mallorca\/wp-content\/uploads\/Andreu-Crespi-@Parlament-de-les-Illes-Balears-300x200.jpg 300w, https:\/\/www.psib-psoe.org\/mallorca\/wp-content\/uploads\/Andreu-Crespi-@Parlament-de-les-Illes-Balears-900x600.jpg 900w, https:\/\/www.psib-psoe.org\/mallorca\/wp-content\/uploads\/Andreu-Crespi-@Parlament-de-les-Illes-Balears-20x13.jpg 20w\" sizes=\"(max-width: 600px) 100vw, 600px\" \/><\/figure>\n\t\t<div class=\"blog-top\">\n\t\t\t<header class=\"post-title entry-header\">\n\t\t\t\t<aside class=\"post-meta cf\">\n\t\t22\/05\/2020 \/ <a href=\"https:\/\/www.psib-psoe.org\/mallorca\/category\/federacio-de-mallorca\/\" rel=\"category tag\">Federaci\u00f3 de Mallorca<\/a><\/aside>\n\t\t\t\t<h3 itemprop=\"headline\"><a href=\"https:\/\/www.psib-psoe.org\/mallorca\/el-psib-psoe-lamenta-la-mort-dandreu-crespi-secretari-general-de-la-formacio-entre-el-1997-i-el-2000\/\" title=\"El PSIB-PSOE lamenta la mort d\u2019Andreu Cresp\u00ed, secretari general de la formaci\u00f3 entre el 1997 i el 2000\">El PSIB-PSOE lamenta la mort d\u2019Andreu Cresp\u00ed, secretari general de la formaci\u00f3 entre el 1997 i el 2000<\/a><\/h3>\n\t\t\t<\/header>\n\t\t<\/div>\n\t\t<div class=\"post-content\">\n\t\t\t<a href=\"https:\/\/www.psib-psoe.org\/mallorca\/el-psib-psoe-lamenta-la-mort-dandreu-crespi-secretari-general-de-la-formacio-entre-el-1997-i-el-2000\/\" class=\"more-link\">Read More<\/a>\n\t\t<\/div>\n\t\t\t<aside class=\"post-bottom-meta hide\">\n\t\t<strong rel=\"author\" itemprop=\"author\" class=\"author vcard\"><span class=\"fn\">adminpsib<\/span><\/strong>\n\t\t<time class=\"date published time\" datetime=\"2020-05-22T11:34:30+02:00\" itemprop=\"datePublished\" content=\"2020-05-22T11:34:30+02:00\">22\/05\/2020<\/time>\n\t\t<meta itemprop=\"dateModified\" class=\"date updated\" content=\"2020-05-22T11:34:30+02:00\">\n\t\t<span class=\"hide\" itemprop=\"publisher\" itemscope itemtype=\"https:\/\/schema.org\/Organization\">\n\t\t\t<meta itemprop=\"name\" content=\"SocialistesdMca\">\n\t\t\t<span itemprop=\"logo\" itemscope itemtype=\"https:\/\/schema.org\/ImageObject\">\n\t\t\t\t<meta itemprop=\"url\" content=\"https:\/\/www.psib-psoe.org\/mallorca\/wp-content\/themes\/notio-wp\/assets\/img\/logo.png\">\n\t\t\t<\/span>\n\t\t\t<meta itemprop=\"url\" content=\"https:\/\/www.psib-psoe.org\/mallorca\/\">\n\t\t<\/span>\n\t\t\t\t<span class=\"hide\" itemprop=\"image\" itemscope itemtype=\"http:\/\/schema.org\/ImageObject\">\n\t\t\t<meta itemprop=\"url\" content=\"https:\/\/www.psib-psoe.org\/mallorca\/wp-content\/uploads\/Andreu-Crespi-@Parlament-de-les-Illes-Balears.jpg\">\n\t\t\t<meta itemprop=\"width\" content=\"2000\">\n\t\t\t<meta itemprop=\"height\" content=\"2979\">\n\t\t<\/span>\n\t\t\t\t<meta itemscope itemprop=\"mainEntityOfPage\" itemtype=\"https:\/\/schema.org\/WebPage\" itemid=\"https:\/\/www.psib-psoe.org\/mallorca\/el-psib-psoe-lamenta-la-mort-dandreu-crespi-secretari-general-de-la-formacio-entre-el-1997-i-el-2000\/\">\n\t<\/aside>\n\t\t<\/article>\n<\/div>\n<div class=\"small-12 large-4 columns\">\n\t<article itemscope itemtype=\"http:\/\/schema.org\/Article\" class=\"post blog-style7 alt post-25339 type-post status-publish format-standard has-post-thumbnail hentry category-federacio-de-mallorca category-portada\" role=\"article\">\n\t\t<figure class=\"post-gallery\"><img loading=\"lazy\" decoding=\"async\" width=\"600\" height=\"400\" src=\"https:\/\/www.psib-psoe.org\/mallorca\/wp-content\/uploads\/Executiva-FSM-14-05-20-2-600x400.jpg\" class=\"attachment-notio-general-x2 size-notio-general-x2 wp-post-image\" alt=\"\" srcset=\"https:\/\/www.psib-psoe.org\/mallorca\/wp-content\/uploads\/Executiva-FSM-14-05-20-2-600x400.jpg 600w, https:\/\/www.psib-psoe.org\/mallorca\/wp-content\/uploads\/Executiva-FSM-14-05-20-2-300x200.jpg 300w, https:\/\/www.psib-psoe.org\/mallorca\/wp-content\/uploads\/Executiva-FSM-14-05-20-2-900x600.jpg 900w, https:\/\/www.psib-psoe.org\/mallorca\/wp-content\/uploads\/Executiva-FSM-14-05-20-2-20x13.jpg 20w\" sizes=\"(max-width: 600px) 100vw, 600px\" \/><\/figure>\n\t\t<div class=\"blog-top\">\n\t\t\t<header class=\"post-title entry-header\">\n\t\t\t\t<aside class=\"post-meta cf\">\n\t\t14\/05\/2020 \/ <a href=\"https:\/\/www.psib-psoe.org\/mallorca\/category\/federacio-de-mallorca\/\" rel=\"category tag\">Federaci\u00f3 de Mallorca<\/a>, <a href=\"https:\/\/www.psib-psoe.org\/mallorca\/category\/portada\/\" rel=\"category tag\">Portada<\/a><\/aside>\n\t\t\t\t<h3 itemprop=\"headline\"><a href=\"https:\/\/www.psib-psoe.org\/mallorca\/els-socialistes-defensen-el-pla-mallorca-reacciona-com-una-mostra-que-aquesta-vegada-sortirem-de-la-crisi-pensant-en-les-persones-i-sense-deixar-ningu-enrere\/\" title=\"Els socialistes defensen el pla Mallorca Reacciona com una mostra que \u201caquesta vegada sortirem de la crisi pensant en les persones i sense deixar ning\u00fa enrere\u201d\">Els socialistes defensen el pla Mallorca Reacciona com una mostra que \u201caquesta vegada sortirem de la crisi pensant en les persones i sense deixar ning\u00fa enrere\u201d<\/a><\/h3>\n\t\t\t<\/header>\n\t\t<\/div>\n\t\t<div class=\"post-content\">\n\t\t\t<a href=\"https:\/\/www.psib-psoe.org\/mallorca\/els-socialistes-defensen-el-pla-mallorca-reacciona-com-una-mostra-que-aquesta-vegada-sortirem-de-la-crisi-pensant-en-les-persones-i-sense-deixar-ningu-enrere\/\" class=\"more-link\">Read More<\/a>\n\t\t<\/div>\n\t\t\t<aside class=\"post-bottom-meta hide\">\n\t\t<strong rel=\"author\" itemprop=\"author\" class=\"author vcard\"><span class=\"fn\">Marc<\/span><\/strong>\n\t\t<time class=\"date published time\" datetime=\"2020-05-14T18:53:21+02:00\" itemprop=\"datePublished\" content=\"2020-05-14T18:53:21+02:00\">14\/05\/2020<\/time>\n\t\t<meta itemprop=\"dateModified\" class=\"date updated\" content=\"2020-05-14T18:53:21+02:00\">\n\t\t<span class=\"hide\" itemprop=\"publisher\" itemscope itemtype=\"https:\/\/schema.org\/Organization\">\n\t\t\t<meta itemprop=\"name\" content=\"SocialistesdMca\">\n\t\t\t<span itemprop=\"logo\" itemscope itemtype=\"https:\/\/schema.org\/ImageObject\">\n\t\t\t\t<meta itemprop=\"url\" content=\"https:\/\/www.psib-psoe.org\/mallorca\/wp-content\/themes\/notio-wp\/assets\/img\/logo.png\">\n\t\t\t<\/span>\n\t\t\t<meta itemprop=\"url\" content=\"https:\/\/www.psib-psoe.org\/mallorca\/\">\n\t\t<\/span>\n\t\t\t\t<span class=\"hide\" itemprop=\"image\" itemscope itemtype=\"http:\/\/schema.org\/ImageObject\">\n\t\t\t<meta itemprop=\"url\" content=\"https:\/\/www.psib-psoe.org\/mallorca\/wp-content\/uploads\/Executiva-FSM-14-05-20-2.jpg\">\n\t\t\t<meta itemprop=\"width\" content=\"1061\">\n\t\t\t<meta itemprop=\"height\" content=\"605\">\n\t\t<\/span>\n\t\t\t\t<meta itemscope itemprop=\"mainEntityOfPage\" itemtype=\"https:\/\/schema.org\/WebPage\" itemid=\"https:\/\/www.psib-psoe.org\/mallorca\/els-socialistes-defensen-el-pla-mallorca-reacciona-com-una-mostra-que-aquesta-vegada-sortirem-de-la-crisi-pensant-en-les-persones-i-sense-deixar-ningu-enrere\/\">\n\t<\/aside>\n\t\t<\/article>\n<\/div>\n<div class=\"small-12 large-4 columns\">\n\t<article itemscope itemtype=\"http:\/\/schema.org\/Article\" class=\"post blog-style7 alt post-25319 type-post status-publish format-standard has-post-thumbnail hentry category-federacio-de-mallorca category-municipis category-portada\" role=\"article\">\n\t\t<figure class=\"post-gallery\"><img loading=\"lazy\" decoding=\"async\" width=\"600\" height=\"400\" src=\"https:\/\/www.psib-psoe.org\/mallorca\/wp-content\/uploads\/comissio-executiva-mallorca-11-marc\u0327-2020-600x400.jpg\" class=\"attachment-notio-general-x2 size-notio-general-x2 wp-post-image\" alt=\"\" srcset=\"https:\/\/www.psib-psoe.org\/mallorca\/wp-content\/uploads\/comissio-executiva-mallorca-11-marc\u0327-2020-600x400.jpg 600w, https:\/\/www.psib-psoe.org\/mallorca\/wp-content\/uploads\/comissio-executiva-mallorca-11-marc\u0327-2020-300x200.jpg 300w, https:\/\/www.psib-psoe.org\/mallorca\/wp-content\/uploads\/comissio-executiva-mallorca-11-marc\u0327-2020-900x600.jpg 900w, https:\/\/www.psib-psoe.org\/mallorca\/wp-content\/uploads\/comissio-executiva-mallorca-11-marc\u0327-2020-20x13.jpg 20w\" sizes=\"(max-width: 600px) 100vw, 600px\" \/><\/figure>\n\t\t<div class=\"blog-top\">\n\t\t\t<header class=\"post-title entry-header\">\n\t\t\t\t<aside class=\"post-meta cf\">\n\t\t03\/05\/2020 \/ <a href=\"https:\/\/www.psib-psoe.org\/mallorca\/category\/federacio-de-mallorca\/\" rel=\"category tag\">Federaci\u00f3 de Mallorca<\/a>, <a href=\"https:\/\/www.psib-psoe.org\/mallorca\/category\/municipis\/\" rel=\"category tag\">Municipis<\/a>, <a href=\"https:\/\/www.psib-psoe.org\/mallorca\/category\/portada\/\" rel=\"category tag\">Portada<\/a><\/aside>\n\t\t\t\t<h3 itemprop=\"headline\"><a href=\"https:\/\/www.psib-psoe.org\/mallorca\/els-socialistes-de-mallorca-presentaran-una-iniciativa-a-cada-ajuntament-per-a-elaborar-un-pacte-de-reconstruccio-amb-grups-politics-i-teixit-productiu-economic-i-social\/\" title=\"Els Socialistes de Mallorca presentaran una iniciativa a cada ajuntament per a elaborar un pacte de reconstrucci\u00f3 amb grups pol\u00edtics i teixit productiu, econ\u00f2mic i social\">Els Socialistes de Mallorca presentaran una iniciativa a cada ajuntament per a elaborar un pacte de reconstrucci\u00f3 amb grups pol\u00edtics i teixit productiu, econ\u00f2mic i social<\/a><\/h3>\n\t\t\t<\/header>\n\t\t<\/div>\n\t\t<div class=\"post-content\">\n\t\t\t<a href=\"https:\/\/www.psib-psoe.org\/mallorca\/els-socialistes-de-mallorca-presentaran-una-iniciativa-a-cada-ajuntament-per-a-elaborar-un-pacte-de-reconstruccio-amb-grups-politics-i-teixit-productiu-economic-i-social\/\" class=\"more-link\">Read More<\/a>\n\t\t<\/div>\n\t\t\t<aside class=\"post-bottom-meta hide\">\n\t\t<strong rel=\"author\" itemprop=\"author\" class=\"author vcard\"><span class=\"fn\">Marc<\/span><\/strong>\n\t\t<time class=\"date published time\" datetime=\"2020-05-03T13:16:28+02:00\" itemprop=\"datePublished\" content=\"2020-05-03T13:16:28+02:00\">03\/05\/2020<\/time>\n\t\t<meta itemprop=\"dateModified\" class=\"date updated\" content=\"2021-02-05T11:36:28+02:00\">\n\t\t<span class=\"hide\" itemprop=\"publisher\" itemscope itemtype=\"https:\/\/schema.org\/Organization\">\n\t\t\t<meta itemprop=\"name\" content=\"SocialistesdMca\">\n\t\t\t<span itemprop=\"logo\" itemscope itemtype=\"https:\/\/schema.org\/ImageObject\">\n\t\t\t\t<meta itemprop=\"url\" content=\"https:\/\/www.psib-psoe.org\/mallorca\/wp-content\/themes\/notio-wp\/assets\/img\/logo.png\">\n\t\t\t<\/span>\n\t\t\t<meta itemprop=\"url\" content=\"https:\/\/www.psib-psoe.org\/mallorca\/\">\n\t\t<\/span>\n\t\t\t\t<span class=\"hide\" itemprop=\"image\" itemscope itemtype=\"http:\/\/schema.org\/ImageObject\">\n\t\t\t<meta itemprop=\"url\" content=\"https:\/\/www.psib-psoe.org\/mallorca\/wp-content\/uploads\/comissio-executiva-mallorca-11-marc\u0327-2020.jpg\">\n\t\t\t<meta itemprop=\"width\" content=\"2000\">\n\t\t\t<meta itemprop=\"height\" content=\"1500\">\n\t\t<\/span>\n\t\t\t\t<meta itemscope itemprop=\"mainEntityOfPage\" itemtype=\"https:\/\/schema.org\/WebPage\" itemid=\"https:\/\/www.psib-psoe.org\/mallorca\/els-socialistes-de-mallorca-presentaran-una-iniciativa-a-cada-ajuntament-per-a-elaborar-un-pacte-de-reconstruccio-amb-grups-politics-i-teixit-productiu-economic-i-social\/\">\n\t<\/aside>\n\t\t<\/article>\n<\/div>\n<div class=\"small-12 large-4 columns\">\n\t<article itemscope itemtype=\"http:\/\/schema.org\/Article\" class=\"post blog-style7 alt post-25296 type-post status-publish format-standard has-post-thumbnail hentry category-federacio-de-mallorca category-municipis category-portada\" role=\"article\">\n\t\t<figure class=\"post-gallery\"><img loading=\"lazy\" decoding=\"async\" width=\"600\" height=\"400\" src=\"https:\/\/www.psib-psoe.org\/mallorca\/wp-content\/uploads\/FSM-600x400.jpg\" class=\"attachment-notio-general-x2 size-notio-general-x2 wp-post-image\" alt=\"\" srcset=\"https:\/\/www.psib-psoe.org\/mallorca\/wp-content\/uploads\/FSM-600x400.jpg 600w, https:\/\/www.psib-psoe.org\/mallorca\/wp-content\/uploads\/FSM-300x200.jpg 300w, https:\/\/www.psib-psoe.org\/mallorca\/wp-content\/uploads\/FSM-20x13.jpg 20w, https:\/\/www.psib-psoe.org\/mallorca\/wp-content\/uploads\/FSM-900x600.jpg 900w\" sizes=\"(max-width: 600px) 100vw, 600px\" \/><\/figure>\n\t\t<div class=\"blog-top\">\n\t\t\t<header class=\"post-title entry-header\">\n\t\t\t\t<aside class=\"post-meta cf\">\n\t\t24\/04\/2020 \/ <a href=\"https:\/\/www.psib-psoe.org\/mallorca\/category\/federacio-de-mallorca\/\" rel=\"category tag\">Federaci\u00f3 de Mallorca<\/a>, <a href=\"https:\/\/www.psib-psoe.org\/mallorca\/category\/municipis\/\" rel=\"category tag\">Municipis<\/a>, <a href=\"https:\/\/www.psib-psoe.org\/mallorca\/category\/portada\/\" rel=\"category tag\">Portada<\/a><\/aside>\n\t\t\t\t<h3 itemprop=\"headline\"><a href=\"https:\/\/www.psib-psoe.org\/mallorca\/els-socialistes-de-mallorca-allarguen-la-ma-als-equips-de-govern-dels-municipis-on-estan-a-loposicio-perque-volem-ser-part-activa-de-la-recuperacio-dels-nostres-pobles\/\" title=\"Els Socialistes de Mallorca allarguen la m\u00e0 als equips de govern dels municipis on estan a l\u2019oposici\u00f3 perqu\u00e8 \u201cvolem ser part activa de la recuperaci\u00f3 dels nostres pobles\u201d\">Els Socialistes de Mallorca allarguen la m\u00e0 als equips de govern dels municipis on estan a l\u2019oposici\u00f3 perqu\u00e8 \u201cvolem ser part activa de la recuperaci\u00f3 dels nostres pobles\u201d<\/a><\/h3>\n\t\t\t<\/header>\n\t\t<\/div>\n\t\t<div class=\"post-content\">\n\t\t\t<a href=\"https:\/\/www.psib-psoe.org\/mallorca\/els-socialistes-de-mallorca-allarguen-la-ma-als-equips-de-govern-dels-municipis-on-estan-a-loposicio-perque-volem-ser-part-activa-de-la-recuperacio-dels-nostres-pobles\/\" class=\"more-link\">Read More<\/a>\n\t\t<\/div>\n\t\t\t<aside class=\"post-bottom-meta hide\">\n\t\t<strong rel=\"author\" itemprop=\"author\" class=\"author vcard\"><span class=\"fn\">Marc<\/span><\/strong>\n\t\t<time class=\"date published time\" datetime=\"2020-04-24T17:27:01+02:00\" itemprop=\"datePublished\" content=\"2020-04-24T17:27:01+02:00\">24\/04\/2020<\/time>\n\t\t<meta itemprop=\"dateModified\" class=\"date updated\" content=\"2021-02-05T11:37:47+02:00\">\n\t\t<span class=\"hide\" itemprop=\"publisher\" itemscope itemtype=\"https:\/\/schema.org\/Organization\">\n\t\t\t<meta itemprop=\"name\" content=\"SocialistesdMca\">\n\t\t\t<span itemprop=\"logo\" itemscope itemtype=\"https:\/\/schema.org\/ImageObject\">\n\t\t\t\t<meta itemprop=\"url\" content=\"https:\/\/www.psib-psoe.org\/mallorca\/wp-content\/themes\/notio-wp\/assets\/img\/logo.png\">\n\t\t\t<\/span>\n\t\t\t<meta itemprop=\"url\" content=\"https:\/\/www.psib-psoe.org\/mallorca\/\">\n\t\t<\/span>\n\t\t\t\t<span class=\"hide\" itemprop=\"image\" itemscope itemtype=\"http:\/\/schema.org\/ImageObject\">\n\t\t\t<meta itemprop=\"url\" content=\"https:\/\/www.psib-psoe.org\/mallorca\/wp-content\/uploads\/FSM.jpg\">\n\t\t\t<meta itemprop=\"width\" content=\"1109\">\n\t\t\t<meta itemprop=\"height\" content=\"677\">\n\t\t<\/span>\n\t\t\t\t<meta itemscope itemprop=\"mainEntityOfPage\" itemtype=\"https:\/\/schema.org\/WebPage\" itemid=\"https:\/\/www.psib-psoe.org\/mallorca\/els-socialistes-de-mallorca-allarguen-la-ma-als-equips-de-govern-dels-municipis-on-estan-a-loposicio-perque-volem-ser-part-activa-de-la-recuperacio-dels-nostres-pobles\/\">\n\t<\/aside>\n\t\t<\/article>\n<\/div>\n<div class=\"small-12 large-4 columns\">\n\t<article itemscope itemtype=\"http:\/\/schema.org\/Article\" class=\"post blog-style7 alt post-25174 type-post status-publish format-standard has-post-thumbnail hentry category-federacio-de-mallorca category-opinio category-portada tag-federacio-socialista-de-mallorca\" role=\"article\">\n\t\t<figure class=\"post-gallery\"><img loading=\"lazy\" decoding=\"async\" width=\"600\" height=\"400\" src=\"https:\/\/www.psib-psoe.org\/mallorca\/wp-content\/uploads\/Jaume-Mateu-Soller-600x400.jpg\" class=\"attachment-notio-general-x2 size-notio-general-x2 wp-post-image\" alt=\"\" srcset=\"https:\/\/www.psib-psoe.org\/mallorca\/wp-content\/uploads\/Jaume-Mateu-Soller-600x400.jpg 600w, https:\/\/www.psib-psoe.org\/mallorca\/wp-content\/uploads\/Jaume-Mateu-Soller-300x200.jpg 300w, https:\/\/www.psib-psoe.org\/mallorca\/wp-content\/uploads\/Jaume-Mateu-Soller-768x511.jpg 768w, https:\/\/www.psib-psoe.org\/mallorca\/wp-content\/uploads\/Jaume-Mateu-Soller-150x100.jpg 150w, https:\/\/www.psib-psoe.org\/mallorca\/wp-content\/uploads\/Jaume-Mateu-Soller-900x600.jpg 900w, https:\/\/www.psib-psoe.org\/mallorca\/wp-content\/uploads\/Jaume-Mateu-Soller-20x13.jpg 20w, https:\/\/www.psib-psoe.org\/mallorca\/wp-content\/uploads\/Jaume-Mateu-Soller.jpg 1000w\" sizes=\"(max-width: 600px) 100vw, 600px\" \/><\/figure>\n\t\t<div class=\"blog-top\">\n\t\t\t<header class=\"post-title entry-header\">\n\t\t\t\t<aside class=\"post-meta cf\">\n\t\t18\/04\/2020 \/ <a href=\"https:\/\/www.psib-psoe.org\/mallorca\/category\/federacio-de-mallorca\/\" rel=\"category tag\">Federaci\u00f3 de Mallorca<\/a>, <a href=\"https:\/\/www.psib-psoe.org\/mallorca\/category\/opinio\/\" rel=\"category tag\">Opini\u00f3<\/a>, <a href=\"https:\/\/www.psib-psoe.org\/mallorca\/category\/portada\/\" rel=\"category tag\">Portada<\/a><\/aside>\n\t\t\t\t<h3 itemprop=\"headline\"><a href=\"https:\/\/www.psib-psoe.org\/mallorca\/amsterdam-1973\/\" title=\"Amsterdam, 1973\">Amsterdam, 1973<\/a><\/h3>\n\t\t\t<\/header>\n\t\t<\/div>\n\t\t<div class=\"post-content\">\n\t\t\t<a href=\"https:\/\/www.psib-psoe.org\/mallorca\/amsterdam-1973\/\" class=\"more-link\">Read More<\/a>\n\t\t<\/div>\n\t\t\t<aside class=\"post-bottom-meta hide\">\n\t\t<strong rel=\"author\" itemprop=\"author\" class=\"author vcard\"><span class=\"fn\">adminpsib<\/span><\/strong>\n\t\t<time class=\"date published time\" datetime=\"2020-04-18T12:35:32+02:00\" itemprop=\"datePublished\" content=\"2020-04-18T12:35:32+02:00\">18\/04\/2020<\/time>\n\t\t<meta itemprop=\"dateModified\" class=\"date updated\" content=\"2020-04-20T14:44:38+02:00\">\n\t\t<span class=\"hide\" itemprop=\"publisher\" itemscope itemtype=\"https:\/\/schema.org\/Organization\">\n\t\t\t<meta itemprop=\"name\" content=\"SocialistesdMca\">\n\t\t\t<span itemprop=\"logo\" itemscope itemtype=\"https:\/\/schema.org\/ImageObject\">\n\t\t\t\t<meta itemprop=\"url\" content=\"https:\/\/www.psib-psoe.org\/mallorca\/wp-content\/themes\/notio-wp\/assets\/img\/logo.png\">\n\t\t\t<\/span>\n\t\t\t<meta itemprop=\"url\" content=\"https:\/\/www.psib-psoe.org\/mallorca\/\">\n\t\t<\/span>\n\t\t\t\t<span class=\"hide\" itemprop=\"image\" itemscope itemtype=\"http:\/\/schema.org\/ImageObject\">\n\t\t\t<meta itemprop=\"url\" content=\"https:\/\/www.psib-psoe.org\/mallorca\/wp-content\/uploads\/Jaume-Mateu-Soller.jpg\">\n\t\t\t<meta itemprop=\"width\" content=\"1000\">\n\t\t\t<meta itemprop=\"height\" content=\"666\">\n\t\t<\/span>\n\t\t\t\t<meta itemscope itemprop=\"mainEntityOfPage\" itemtype=\"https:\/\/schema.org\/WebPage\" itemid=\"https:\/\/www.psib-psoe.org\/mallorca\/amsterdam-1973\/\">\n\t<\/aside>\n\t\t<\/article>\n<\/div>\n<div class=\"small-12 large-4 columns\">\n\t<article itemscope itemtype=\"http:\/\/schema.org\/Article\" class=\"post blog-style7 alt post-25169 type-post status-publish format-standard has-post-thumbnail hentry category-federacio-de-mallorca category-municipis category-portada\" role=\"article\">\n\t\t<figure class=\"post-gallery\"><img loading=\"lazy\" decoding=\"async\" width=\"600\" height=\"400\" src=\"https:\/\/www.psib-psoe.org\/mallorca\/wp-content\/uploads\/Executiva-FSM-Telem\u00e0tica-abril-2020-600x400.jpg\" class=\"attachment-notio-general-x2 size-notio-general-x2 wp-post-image\" alt=\"\" srcset=\"https:\/\/www.psib-psoe.org\/mallorca\/wp-content\/uploads\/Executiva-FSM-Telem\u00e0tica-abril-2020-600x400.jpg 600w, https:\/\/www.psib-psoe.org\/mallorca\/wp-content\/uploads\/Executiva-FSM-Telem\u00e0tica-abril-2020-300x200.jpg 300w, https:\/\/www.psib-psoe.org\/mallorca\/wp-content\/uploads\/Executiva-FSM-Telem\u00e0tica-abril-2020-20x13.jpg 20w, https:\/\/www.psib-psoe.org\/mallorca\/wp-content\/uploads\/Executiva-FSM-Telem\u00e0tica-abril-2020-900x600.jpg 900w\" sizes=\"(max-width: 600px) 100vw, 600px\" \/><\/figure>\n\t\t<div class=\"blog-top\">\n\t\t\t<header class=\"post-title entry-header\">\n\t\t\t\t<aside class=\"post-meta cf\">\n\t\t16\/04\/2020 \/ <a href=\"https:\/\/www.psib-psoe.org\/mallorca\/category\/federacio-de-mallorca\/\" rel=\"category tag\">Federaci\u00f3 de Mallorca<\/a>, <a href=\"https:\/\/www.psib-psoe.org\/mallorca\/category\/municipis\/\" rel=\"category tag\">Municipis<\/a>, <a href=\"https:\/\/www.psib-psoe.org\/mallorca\/category\/portada\/\" rel=\"category tag\">Portada<\/a><\/aside>\n\t\t\t\t<h3 itemprop=\"headline\"><a href=\"https:\/\/www.psib-psoe.org\/mallorca\/els-socialistes-de-mallorca-expressen-el-seu-suport-a-la-gestio-del-covid19-del-consell-govern-estat-i-ajuntaments-socialistes-i-reiteren-el-seu-compromis-perque-ningu-quedi-enrere\/\" title=\"Els Socialistes de Mallorca expressen el seu suport a la gesti\u00f3 del COVID19 del Consell, Govern, Estat i ajuntaments socialistes i reiteren el seu comprom\u00eds perqu\u00e8 ning\u00fa quedi enrere\">Els Socialistes de Mallorca expressen el seu suport a la gesti\u00f3 del COVID19 del Consell, Govern, Estat i ajuntaments socialistes i reiteren el seu comprom\u00eds perqu\u00e8 ning\u00fa quedi enrere<\/a><\/h3>\n\t\t\t<\/header>\n\t\t<\/div>\n\t\t<div class=\"post-content\">\n\t\t\t<a href=\"https:\/\/www.psib-psoe.org\/mallorca\/els-socialistes-de-mallorca-expressen-el-seu-suport-a-la-gestio-del-covid19-del-consell-govern-estat-i-ajuntaments-socialistes-i-reiteren-el-seu-compromis-perque-ningu-quedi-enrere\/\" class=\"more-link\">Read More<\/a>\n\t\t<\/div>\n\t\t\t<aside class=\"post-bottom-meta hide\">\n\t\t<strong rel=\"author\" itemprop=\"author\" class=\"author vcard\"><span class=\"fn\">Marc<\/span><\/strong>\n\t\t<time class=\"date published time\" datetime=\"2020-04-16T18:19:42+02:00\" itemprop=\"datePublished\" content=\"2020-04-16T18:19:42+02:00\">16\/04\/2020<\/time>\n\t\t<meta itemprop=\"dateModified\" class=\"date updated\" content=\"2021-02-05T11:37:58+02:00\">\n\t\t<span class=\"hide\" itemprop=\"publisher\" itemscope itemtype=\"https:\/\/schema.org\/Organization\">\n\t\t\t<meta itemprop=\"name\" content=\"SocialistesdMca\">\n\t\t\t<span itemprop=\"logo\" itemscope itemtype=\"https:\/\/schema.org\/ImageObject\">\n\t\t\t\t<meta itemprop=\"url\" content=\"https:\/\/www.psib-psoe.org\/mallorca\/wp-content\/themes\/notio-wp\/assets\/img\/logo.png\">\n\t\t\t<\/span>\n\t\t\t<meta itemprop=\"url\" content=\"https:\/\/www.psib-psoe.org\/mallorca\/\">\n\t\t<\/span>\n\t\t\t\t<span class=\"hide\" itemprop=\"image\" itemscope itemtype=\"http:\/\/schema.org\/ImageObject\">\n\t\t\t<meta itemprop=\"url\" content=\"https:\/\/www.psib-psoe.org\/mallorca\/wp-content\/uploads\/Executiva-FSM-Telem\u00e0tica-abril-2020.jpg\">\n\t\t\t<meta itemprop=\"width\" content=\"1106\">\n\t\t\t<meta itemprop=\"height\" content=\"672\">\n\t\t<\/span>\n\t\t\t\t<meta itemscope itemprop=\"mainEntityOfPage\" itemtype=\"https:\/\/schema.org\/WebPage\" itemid=\"https:\/\/www.psib-psoe.org\/mallorca\/els-socialistes-de-mallorca-expressen-el-seu-suport-a-la-gestio-del-covid19-del-consell-govern-estat-i-ajuntaments-socialistes-i-reiteren-el-seu-compromis-perque-ningu-quedi-enrere\/\">\n\t<\/aside>\n\t\t<\/article>\n<\/div>\n<div class=\"small-12 large-4 columns\">\n\t<article itemscope itemtype=\"http:\/\/schema.org\/Article\" class=\"post blog-style7 alt post-25160 type-post status-publish format-standard has-post-thumbnail hentry category-federacio-de-mallorca category-opinio category-portada tag-federacio-socialista-de-mallorca\" role=\"article\">\n\t\t<figure class=\"post-gallery\"><img loading=\"lazy\" decoding=\"async\" width=\"600\" height=\"400\" src=\"https:\/\/www.psib-psoe.org\/mallorca\/wp-content\/uploads\/NATI-600x400.jpg\" class=\"attachment-notio-general-x2 size-notio-general-x2 wp-post-image\" alt=\"\" srcset=\"https:\/\/www.psib-psoe.org\/mallorca\/wp-content\/uploads\/NATI-600x400.jpg 600w, https:\/\/www.psib-psoe.org\/mallorca\/wp-content\/uploads\/NATI-300x200.jpg 300w, https:\/\/www.psib-psoe.org\/mallorca\/wp-content\/uploads\/NATI-900x600.jpg 900w, https:\/\/www.psib-psoe.org\/mallorca\/wp-content\/uploads\/NATI-20x13.jpg 20w\" sizes=\"(max-width: 600px) 100vw, 600px\" \/><\/figure>\n\t\t<div class=\"blog-top\">\n\t\t\t<header class=\"post-title entry-header\">\n\t\t\t\t<aside class=\"post-meta cf\">\n\t\t15\/04\/2020 \/ <a href=\"https:\/\/www.psib-psoe.org\/mallorca\/category\/federacio-de-mallorca\/\" rel=\"category tag\">Federaci\u00f3 de Mallorca<\/a>, <a href=\"https:\/\/www.psib-psoe.org\/mallorca\/category\/opinio\/\" rel=\"category tag\">Opini\u00f3<\/a>, <a href=\"https:\/\/www.psib-psoe.org\/mallorca\/category\/portada\/\" rel=\"category tag\">Portada<\/a><\/aside>\n\t\t\t\t<h3 itemprop=\"headline\"><a href=\"https:\/\/www.psib-psoe.org\/mallorca\/educacio-en-temps-del-coronavirus-repte-i-oportunitat-per-a-la-reflexio\/\" title=\"Educaci\u00f3 en temps del Coronavirus: repte i oportunitat per a la reflexi\u00f3\">Educaci\u00f3 en temps del Coronavirus: repte i oportunitat per a la reflexi\u00f3<\/a><\/h3>\n\t\t\t<\/header>\n\t\t<\/div>\n\t\t<div class=\"post-content\">\n\t\t\t<a href=\"https:\/\/www.psib-psoe.org\/mallorca\/educacio-en-temps-del-coronavirus-repte-i-oportunitat-per-a-la-reflexio\/\" class=\"more-link\">Read More<\/a>\n\t\t<\/div>\n\t\t\t<aside class=\"post-bottom-meta hide\">\n\t\t<strong rel=\"author\" itemprop=\"author\" class=\"author vcard\"><span class=\"fn\">adminpsib<\/span><\/strong>\n\t\t<time class=\"date published time\" datetime=\"2020-04-15T11:37:59+02:00\" itemprop=\"datePublished\" content=\"2020-04-15T11:37:59+02:00\">15\/04\/2020<\/time>\n\t\t<meta itemprop=\"dateModified\" class=\"date updated\" content=\"2020-04-20T14:44:59+02:00\">\n\t\t<span class=\"hide\" itemprop=\"publisher\" itemscope itemtype=\"https:\/\/schema.org\/Organization\">\n\t\t\t<meta itemprop=\"name\" content=\"SocialistesdMca\">\n\t\t\t<span itemprop=\"logo\" itemscope itemtype=\"https:\/\/schema.org\/ImageObject\">\n\t\t\t\t<meta itemprop=\"url\" content=\"https:\/\/www.psib-psoe.org\/mallorca\/wp-content\/themes\/notio-wp\/assets\/img\/logo.png\">\n\t\t\t<\/span>\n\t\t\t<meta itemprop=\"url\" content=\"https:\/\/www.psib-psoe.org\/mallorca\/\">\n\t\t<\/span>\n\t\t\t\t<span class=\"hide\" itemprop=\"image\" itemscope itemtype=\"http:\/\/schema.org\/ImageObject\">\n\t\t\t<meta itemprop=\"url\" content=\"https:\/\/www.psib-psoe.org\/mallorca\/wp-content\/uploads\/NATI.jpg\">\n\t\t\t<meta itemprop=\"width\" content=\"960\">\n\t\t\t<meta itemprop=\"height\" content=\"966\">\n\t\t<\/span>\n\t\t\t\t<meta itemscope itemprop=\"mainEntityOfPage\" itemtype=\"https:\/\/schema.org\/WebPage\" itemid=\"https:\/\/www.psib-psoe.org\/mallorca\/educacio-en-temps-del-coronavirus-repte-i-oportunitat-per-a-la-reflexio\/\">\n\t<\/aside>\n\t\t<\/article>\n<\/div>\n<div class=\"small-12 large-4 columns\">\n\t<article itemscope itemtype=\"http:\/\/schema.org\/Article\" class=\"post blog-style7 alt post-25086 type-post status-publish format-standard has-post-thumbnail hentry category-federacio-de-mallorca category-opinio category-portada tag-cosme-bonet tag-covid19 tag-federacio-socialista-de-mallorca tag-senat\" role=\"article\">\n\t\t<figure class=\"post-gallery\"><img loading=\"lazy\" decoding=\"async\" width=\"600\" height=\"400\" src=\"https:\/\/www.psib-psoe.org\/mallorca\/wp-content\/uploads\/Cosme-Bonet-13-600x400.jpg\" class=\"attachment-notio-general-x2 size-notio-general-x2 wp-post-image\" alt=\"\" srcset=\"https:\/\/www.psib-psoe.org\/mallorca\/wp-content\/uploads\/Cosme-Bonet-13-600x400.jpg 600w, https:\/\/www.psib-psoe.org\/mallorca\/wp-content\/uploads\/Cosme-Bonet-13-300x200.jpg 300w, https:\/\/www.psib-psoe.org\/mallorca\/wp-content\/uploads\/Cosme-Bonet-13-768x512.jpg 768w, https:\/\/www.psib-psoe.org\/mallorca\/wp-content\/uploads\/Cosme-Bonet-13-1024x683.jpg 1024w, https:\/\/www.psib-psoe.org\/mallorca\/wp-content\/uploads\/Cosme-Bonet-13-150x100.jpg 150w, https:\/\/www.psib-psoe.org\/mallorca\/wp-content\/uploads\/Cosme-Bonet-13-900x600.jpg 900w, https:\/\/www.psib-psoe.org\/mallorca\/wp-content\/uploads\/Cosme-Bonet-13-20x13.jpg 20w\" sizes=\"(max-width: 600px) 100vw, 600px\" \/><\/figure>\n\t\t<div class=\"blog-top\">\n\t\t\t<header class=\"post-title entry-header\">\n\t\t\t\t<aside class=\"post-meta cf\">\n\t\t30\/03\/2020 \/ <a href=\"https:\/\/www.psib-psoe.org\/mallorca\/category\/federacio-de-mallorca\/\" rel=\"category tag\">Federaci\u00f3 de Mallorca<\/a>, <a href=\"https:\/\/www.psib-psoe.org\/mallorca\/category\/opinio\/\" rel=\"category tag\">Opini\u00f3<\/a>, <a href=\"https:\/\/www.psib-psoe.org\/mallorca\/category\/portada\/\" rel=\"category tag\">Portada<\/a><\/aside>\n\t\t\t\t<h3 itemprop=\"headline\"><a href=\"https:\/\/www.psib-psoe.org\/mallorca\/llicons-del-major-desafiament-des-de-la-ii-guerra-mundial-per-cosme-bonet\/\" title=\"\u201cLli\u00e7ons del major desafiament des de la II Guerra Mundial\u201d, per Cosme Bonet\">\u201cLli\u00e7ons del major desafiament des de la II Guerra Mundial\u201d, per Cosme Bonet<\/a><\/h3>\n\t\t\t<\/header>\n\t\t<\/div>\n\t\t<div class=\"post-content\">\n\t\t\t<a href=\"https:\/\/www.psib-psoe.org\/mallorca\/llicons-del-major-desafiament-des-de-la-ii-guerra-mundial-per-cosme-bonet\/\" class=\"more-link\">Read More<\/a>\n\t\t<\/div>\n\t\t\t<aside class=\"post-bottom-meta hide\">\n\t\t<strong rel=\"author\" itemprop=\"author\" class=\"author vcard\"><span class=\"fn\">adminpsib<\/span><\/strong>\n\t\t<time class=\"date published time\" datetime=\"2020-03-30T15:48:49+02:00\" itemprop=\"datePublished\" content=\"2020-03-30T15:48:49+02:00\">30\/03\/2020<\/time>\n\t\t<meta itemprop=\"dateModified\" class=\"date updated\" content=\"2020-04-20T14:45:09+02:00\">\n\t\t<span class=\"hide\" itemprop=\"publisher\" itemscope itemtype=\"https:\/\/schema.org\/Organization\">\n\t\t\t<meta itemprop=\"name\" content=\"SocialistesdMca\">\n\t\t\t<span itemprop=\"logo\" itemscope itemtype=\"https:\/\/schema.org\/ImageObject\">\n\t\t\t\t<meta itemprop=\"url\" content=\"https:\/\/www.psib-psoe.org\/mallorca\/wp-content\/themes\/notio-wp\/assets\/img\/logo.png\">\n\t\t\t<\/span>\n\t\t\t<meta itemprop=\"url\" content=\"https:\/\/www.psib-psoe.org\/mallorca\/\">\n\t\t<\/span>\n\t\t\t\t<span class=\"hide\" itemprop=\"image\" itemscope itemtype=\"http:\/\/schema.org\/ImageObject\">\n\t\t\t<meta itemprop=\"url\" content=\"https:\/\/www.psib-psoe.org\/mallorca\/wp-content\/uploads\/Cosme-Bonet-13.jpg\">\n\t\t\t<meta itemprop=\"width\" content=\"4896\">\n\t\t\t<meta itemprop=\"height\" content=\"3264\">\n\t\t<\/span>\n\t\t\t\t<meta itemscope itemprop=\"mainEntityOfPage\" itemtype=\"https:\/\/schema.org\/WebPage\" itemid=\"https:\/\/www.psib-psoe.org\/mallorca\/llicons-del-major-desafiament-des-de-la-ii-guerra-mundial-per-cosme-bonet\/\">\n\t<\/aside>\n\t\t<\/article>\n<\/div>\n<div class=\"small-12 large-4 columns\">\n\t<article itemscope itemtype=\"http:\/\/schema.org\/Article\" class=\"post blog-style7 alt post-25080 type-post status-publish format-standard has-post-thumbnail hentry category-federacio-de-mallorca category-opinio category-portada tag-covid19 tag-federacio-socialista-de-mallorca tag-senat tag-susanna-moll\" role=\"article\">\n\t\t<figure class=\"post-gallery\"><img loading=\"lazy\" decoding=\"async\" width=\"600\" height=\"400\" src=\"https:\/\/www.psib-psoe.org\/mallorca\/wp-content\/uploads\/susanna-moll-cosme-bonet-patricia-abascal-senat-600x400.jpeg\" class=\"attachment-notio-general-x2 size-notio-general-x2 wp-post-image\" alt=\"\" srcset=\"https:\/\/www.psib-psoe.org\/mallorca\/wp-content\/uploads\/susanna-moll-cosme-bonet-patricia-abascal-senat-600x400.jpeg 600w, https:\/\/www.psib-psoe.org\/mallorca\/wp-content\/uploads\/susanna-moll-cosme-bonet-patricia-abascal-senat-300x200.jpeg 300w, https:\/\/www.psib-psoe.org\/mallorca\/wp-content\/uploads\/susanna-moll-cosme-bonet-patricia-abascal-senat-900x600.jpeg 900w, https:\/\/www.psib-psoe.org\/mallorca\/wp-content\/uploads\/susanna-moll-cosme-bonet-patricia-abascal-senat-20x13.jpeg 20w\" sizes=\"(max-width: 600px) 100vw, 600px\" \/><\/figure>\n\t\t<div class=\"blog-top\">\n\t\t\t<header class=\"post-title entry-header\">\n\t\t\t\t<aside class=\"post-meta cf\">\n\t\t26\/03\/2020 \/ <a href=\"https:\/\/www.psib-psoe.org\/mallorca\/category\/federacio-de-mallorca\/\" rel=\"category tag\">Federaci\u00f3 de Mallorca<\/a>, <a href=\"https:\/\/www.psib-psoe.org\/mallorca\/category\/opinio\/\" rel=\"category tag\">Opini\u00f3<\/a>, <a href=\"https:\/\/www.psib-psoe.org\/mallorca\/category\/portada\/\" rel=\"category tag\">Portada<\/a><\/aside>\n\t\t\t\t<h3 itemprop=\"headline\"><a href=\"https:\/\/www.psib-psoe.org\/mallorca\/la-normalitat-per-susanna-moll\/\" title=\"&#8220;La normalitat&#8221;, per Susanna Moll\">&#8220;La normalitat&#8221;, per Susanna Moll<\/a><\/h3>\n\t\t\t<\/header>\n\t\t<\/div>\n\t\t<div class=\"post-content\">\n\t\t\t<a href=\"https:\/\/www.psib-psoe.org\/mallorca\/la-normalitat-per-susanna-moll\/\" class=\"more-link\">Read More<\/a>\n\t\t<\/div>\n\t\t\t<aside class=\"post-bottom-meta hide\">\n\t\t<strong rel=\"author\" itemprop=\"author\" class=\"author vcard\"><span class=\"fn\">adminpsib<\/span><\/strong>\n\t\t<time class=\"date published time\" datetime=\"2020-03-26T11:28:58+02:00\" itemprop=\"datePublished\" content=\"2020-03-26T11:28:58+02:00\">26\/03\/2020<\/time>\n\t\t<meta itemprop=\"dateModified\" class=\"date updated\" content=\"2020-04-20T14:45:25+02:00\">\n\t\t<span class=\"hide\" itemprop=\"publisher\" itemscope itemtype=\"https:\/\/schema.org\/Organization\">\n\t\t\t<meta itemprop=\"name\" content=\"SocialistesdMca\">\n\t\t\t<span itemprop=\"logo\" itemscope itemtype=\"https:\/\/schema.org\/ImageObject\">\n\t\t\t\t<meta itemprop=\"url\" content=\"https:\/\/www.psib-psoe.org\/mallorca\/wp-content\/themes\/notio-wp\/assets\/img\/logo.png\">\n\t\t\t<\/span>\n\t\t\t<meta itemprop=\"url\" content=\"https:\/\/www.psib-psoe.org\/mallorca\/\">\n\t\t<\/span>\n\t\t\t\t<span class=\"hide\" itemprop=\"image\" itemscope itemtype=\"http:\/\/schema.org\/ImageObject\">\n\t\t\t<meta itemprop=\"url\" content=\"https:\/\/www.psib-psoe.org\/mallorca\/wp-content\/uploads\/susanna-moll-cosme-bonet-patricia-abascal-senat.jpeg\">\n\t\t\t<meta itemprop=\"width\" content=\"1024\">\n\t\t\t<meta itemprop=\"height\" content=\"769\">\n\t\t<\/span>\n\t\t\t\t<meta itemscope itemprop=\"mainEntityOfPage\" itemtype=\"https:\/\/schema.org\/WebPage\" itemid=\"https:\/\/www.psib-psoe.org\/mallorca\/la-normalitat-per-susanna-moll\/\">\n\t<\/aside>\n\t\t<\/article>\n<\/div>\n<div class=\"small-12 large-4 columns\">\n\t<article itemscope itemtype=\"http:\/\/schema.org\/Article\" class=\"post blog-style7 alt post-25022 type-post status-publish format-standard has-post-thumbnail hentry category-federacio-de-mallorca category-portada tag-catalina-cladera tag-cosme-bonet tag-federacio-socialista-de-mallorca tag-mercedes-garrido tag-socialistes-de-mallorca\" role=\"article\">\n\t\t<figure class=\"post-gallery\"><img loading=\"lazy\" decoding=\"async\" width=\"600\" height=\"400\" src=\"https:\/\/www.psib-psoe.org\/mallorca\/wp-content\/uploads\/comissio-executiva-mallorca-11-marc\u0327-2020-600x400.jpg\" class=\"attachment-notio-general-x2 size-notio-general-x2 wp-post-image\" alt=\"\" srcset=\"https:\/\/www.psib-psoe.org\/mallorca\/wp-content\/uploads\/comissio-executiva-mallorca-11-marc\u0327-2020-600x400.jpg 600w, https:\/\/www.psib-psoe.org\/mallorca\/wp-content\/uploads\/comissio-executiva-mallorca-11-marc\u0327-2020-300x200.jpg 300w, https:\/\/www.psib-psoe.org\/mallorca\/wp-content\/uploads\/comissio-executiva-mallorca-11-marc\u0327-2020-900x600.jpg 900w, https:\/\/www.psib-psoe.org\/mallorca\/wp-content\/uploads\/comissio-executiva-mallorca-11-marc\u0327-2020-20x13.jpg 20w\" sizes=\"(max-width: 600px) 100vw, 600px\" \/><\/figure>\n\t\t<div class=\"blog-top\">\n\t\t\t<header class=\"post-title entry-header\">\n\t\t\t\t<aside class=\"post-meta cf\">\n\t\t11\/03\/2020 \/ <a href=\"https:\/\/www.psib-psoe.org\/mallorca\/category\/federacio-de-mallorca\/\" rel=\"category tag\">Federaci\u00f3 de Mallorca<\/a>, <a href=\"https:\/\/www.psib-psoe.org\/mallorca\/category\/portada\/\" rel=\"category tag\">Portada<\/a><\/aside>\n\t\t\t\t<h3 itemprop=\"headline\"><a href=\"https:\/\/www.psib-psoe.org\/mallorca\/el-programa-de-formacio-dels-socialistes-de-mallorca-passara-a-denominar-se-escola-de-formacio-antoni-alemany-i-cladera\/\" title=\"El programa de formaci\u00f3 dels Socialistes de Mallorca passar\u00e0 a denominar-se Escola de Formaci\u00f3 Antoni Alemany i Cladera\">El programa de formaci\u00f3 dels Socialistes de Mallorca passar\u00e0 a denominar-se Escola de Formaci\u00f3 Antoni Alemany i Cladera<\/a><\/h3>\n\t\t\t<\/header>\n\t\t<\/div>\n\t\t<div class=\"post-content\">\n\t\t\t<a href=\"https:\/\/www.psib-psoe.org\/mallorca\/el-programa-de-formacio-dels-socialistes-de-mallorca-passara-a-denominar-se-escola-de-formacio-antoni-alemany-i-cladera\/\" class=\"more-link\">Read More<\/a>\n\t\t<\/div>\n\t\t\t<aside class=\"post-bottom-meta hide\">\n\t\t<strong rel=\"author\" itemprop=\"author\" class=\"author vcard\"><span class=\"fn\">Albert<\/span><\/strong>\n\t\t<time class=\"date published time\" datetime=\"2020-03-11T19:26:26+02:00\" itemprop=\"datePublished\" content=\"2020-03-11T19:26:26+02:00\">11\/03\/2020<\/time>\n\t\t<meta itemprop=\"dateModified\" class=\"date updated\" content=\"2020-03-11T19:26:26+02:00\">\n\t\t<span class=\"hide\" itemprop=\"publisher\" itemscope itemtype=\"https:\/\/schema.org\/Organization\">\n\t\t\t<meta itemprop=\"name\" content=\"SocialistesdMca\">\n\t\t\t<span itemprop=\"logo\" itemscope itemtype=\"https:\/\/schema.org\/ImageObject\">\n\t\t\t\t<meta itemprop=\"url\" content=\"https:\/\/www.psib-psoe.org\/mallorca\/wp-content\/themes\/notio-wp\/assets\/img\/logo.png\">\n\t\t\t<\/span>\n\t\t\t<meta itemprop=\"url\" content=\"https:\/\/www.psib-psoe.org\/mallorca\/\">\n\t\t<\/span>\n\t\t\t\t<span class=\"hide\" itemprop=\"image\" itemscope itemtype=\"http:\/\/schema.org\/ImageObject\">\n\t\t\t<meta itemprop=\"url\" content=\"https:\/\/www.psib-psoe.org\/mallorca\/wp-content\/uploads\/comissio-executiva-mallorca-11-marc\u0327-2020.jpg\">\n\t\t\t<meta itemprop=\"width\" content=\"2000\">\n\t\t\t<meta itemprop=\"height\" content=\"1500\">\n\t\t<\/span>\n\t\t\t\t<meta itemscope itemprop=\"mainEntityOfPage\" itemtype=\"https:\/\/schema.org\/WebPage\" itemid=\"https:\/\/www.psib-psoe.org\/mallorca\/el-programa-de-formacio-dels-socialistes-de-mallorca-passara-a-denominar-se-escola-de-formacio-antoni-alemany-i-cladera\/\">\n\t<\/aside>\n\t\t<\/article>\n<\/div>\n<div class=\"small-12 large-4 columns\">\n\t<article itemscope itemtype=\"http:\/\/schema.org\/Article\" class=\"post blog-style7 alt post-25019 type-post status-publish format-standard has-post-thumbnail hentry category-federacio-de-mallorca category-municipis tag-alfonso-rodriguez tag-calvia tag-federacio-socialista-de-mallorca tag-turisme\" role=\"article\">\n\t\t<figure class=\"post-gallery\"><img loading=\"lazy\" decoding=\"async\" width=\"600\" height=\"400\" src=\"https:\/\/www.psib-psoe.org\/mallorca\/wp-content\/uploads\/Les-Illes-Que-Vols-a-Calvi\u00e0-600x400.jpg\" class=\"attachment-notio-general-x2 size-notio-general-x2 wp-post-image\" alt=\"\" srcset=\"https:\/\/www.psib-psoe.org\/mallorca\/wp-content\/uploads\/Les-Illes-Que-Vols-a-Calvi\u00e0-600x400.jpg 600w, https:\/\/www.psib-psoe.org\/mallorca\/wp-content\/uploads\/Les-Illes-Que-Vols-a-Calvi\u00e0-300x200.jpg 300w, https:\/\/www.psib-psoe.org\/mallorca\/wp-content\/uploads\/Les-Illes-Que-Vols-a-Calvi\u00e0-900x600.jpg 900w, https:\/\/www.psib-psoe.org\/mallorca\/wp-content\/uploads\/Les-Illes-Que-Vols-a-Calvi\u00e0-20x13.jpg 20w\" sizes=\"(max-width: 600px) 100vw, 600px\" \/><\/figure>\n\t\t<div class=\"blog-top\">\n\t\t\t<header class=\"post-title entry-header\">\n\t\t\t\t<aside class=\"post-meta cf\">\n\t\t11\/03\/2020 \/ <a href=\"https:\/\/www.psib-psoe.org\/mallorca\/category\/federacio-de-mallorca\/\" rel=\"category tag\">Federaci\u00f3 de Mallorca<\/a>, <a href=\"https:\/\/www.psib-psoe.org\/mallorca\/category\/municipis\/\" rel=\"category tag\">Municipis<\/a><\/aside>\n\t\t\t\t<h3 itemprop=\"headline\"><a href=\"https:\/\/www.psib-psoe.org\/mallorca\/iago-negueruela-la-normativa-per-desterrar-determinats-excessos-no-va-contra-el-turista-sino-que-protegeix-el-turisme-de-qualitat-que-defensam\/\" title=\"Iago Negueruela: \u201cLa normativa per desterrar determinats excessos no va contra el turista, sin\u00f3 que protegeix el turisme de qualitat que defensam\u201d\">Iago Negueruela: \u201cLa normativa per desterrar determinats excessos no va contra el turista, sin\u00f3 que protegeix el turisme de qualitat que defensam\u201d<\/a><\/h3>\n\t\t\t<\/header>\n\t\t<\/div>\n\t\t<div class=\"post-content\">\n\t\t\t<a href=\"https:\/\/www.psib-psoe.org\/mallorca\/iago-negueruela-la-normativa-per-desterrar-determinats-excessos-no-va-contra-el-turista-sino-que-protegeix-el-turisme-de-qualitat-que-defensam\/\" class=\"more-link\">Read More<\/a>\n\t\t<\/div>\n\t\t\t<aside class=\"post-bottom-meta hide\">\n\t\t<strong rel=\"author\" itemprop=\"author\" class=\"author vcard\"><span class=\"fn\">adminpsib<\/span><\/strong>\n\t\t<time class=\"date published time\" datetime=\"2020-03-11T12:07:21+02:00\" itemprop=\"datePublished\" content=\"2020-03-11T12:07:21+02:00\">11\/03\/2020<\/time>\n\t\t<meta itemprop=\"dateModified\" class=\"date updated\" content=\"2020-03-12T13:40:35+02:00\">\n\t\t<span class=\"hide\" itemprop=\"publisher\" itemscope itemtype=\"https:\/\/schema.org\/Organization\">\n\t\t\t<meta itemprop=\"name\" content=\"SocialistesdMca\">\n\t\t\t<span itemprop=\"logo\" itemscope itemtype=\"https:\/\/schema.org\/ImageObject\">\n\t\t\t\t<meta itemprop=\"url\" content=\"https:\/\/www.psib-psoe.org\/mallorca\/wp-content\/themes\/notio-wp\/assets\/img\/logo.png\">\n\t\t\t<\/span>\n\t\t\t<meta itemprop=\"url\" content=\"https:\/\/www.psib-psoe.org\/mallorca\/\">\n\t\t<\/span>\n\t\t\t\t<span class=\"hide\" itemprop=\"image\" itemscope itemtype=\"http:\/\/schema.org\/ImageObject\">\n\t\t\t<meta itemprop=\"url\" content=\"https:\/\/www.psib-psoe.org\/mallorca\/wp-content\/uploads\/Les-Illes-Que-Vols-a-Calvi\u00e0.jpg\">\n\t\t\t<meta itemprop=\"width\" content=\"4032\">\n\t\t\t<meta itemprop=\"height\" content=\"3024\">\n\t\t<\/span>\n\t\t\t\t<meta itemscope itemprop=\"mainEntityOfPage\" itemtype=\"https:\/\/schema.org\/WebPage\" itemid=\"https:\/\/www.psib-psoe.org\/mallorca\/iago-negueruela-la-normativa-per-desterrar-determinats-excessos-no-va-contra-el-turista-sino-que-protegeix-el-turisme-de-qualitat-que-defensam\/\">\n\t<\/aside>\n\t\t<\/article>\n<\/div>\n<div class=\"small-12 large-4 columns\">\n\t<article itemscope itemtype=\"http:\/\/schema.org\/Article\" class=\"post blog-style7 alt post-25015 type-post status-publish format-standard has-post-thumbnail hentry category-federacio-de-mallorca tag-federacio-socialista-de-mallorca\" role=\"article\">\n\t\t<figure class=\"post-gallery\"><img loading=\"lazy\" decoding=\"async\" width=\"600\" height=\"400\" src=\"https:\/\/www.psib-psoe.org\/mallorca\/wp-content\/uploads\/armengol-cladera-moreno-sopar-de-la-dona-inca-2020_2-600x400.jpg\" class=\"attachment-notio-general-x2 size-notio-general-x2 wp-post-image\" alt=\"\" srcset=\"https:\/\/www.psib-psoe.org\/mallorca\/wp-content\/uploads\/armengol-cladera-moreno-sopar-de-la-dona-inca-2020_2-600x400.jpg 600w, https:\/\/www.psib-psoe.org\/mallorca\/wp-content\/uploads\/armengol-cladera-moreno-sopar-de-la-dona-inca-2020_2-300x200.jpg 300w, https:\/\/www.psib-psoe.org\/mallorca\/wp-content\/uploads\/armengol-cladera-moreno-sopar-de-la-dona-inca-2020_2-900x600.jpg 900w, https:\/\/www.psib-psoe.org\/mallorca\/wp-content\/uploads\/armengol-cladera-moreno-sopar-de-la-dona-inca-2020_2-20x13.jpg 20w\" sizes=\"(max-width: 600px) 100vw, 600px\" \/><\/figure>\n\t\t<div class=\"blog-top\">\n\t\t\t<header class=\"post-title entry-header\">\n\t\t\t\t<aside class=\"post-meta cf\">\n\t\t07\/03\/2020 \/ <a href=\"https:\/\/www.psib-psoe.org\/mallorca\/category\/federacio-de-mallorca\/\" rel=\"category tag\">Federaci\u00f3 de Mallorca<\/a><\/aside>\n\t\t\t\t<h3 itemprop=\"headline\"><a href=\"https:\/\/www.psib-psoe.org\/mallorca\/francina-armengol-fa-una-crida-massiva-per-tornar-a-omplir-els-carrers-aquest-8-de-marc-dia-de-la-dona\/\" title=\"Francina Armengol fa una crida massiva per \u201ctornar a omplir els carrers\u201d aquest 8 de mar\u00e7, Dia de la Dona\">Francina Armengol fa una crida massiva per \u201ctornar a omplir els carrers\u201d aquest 8 de mar\u00e7, Dia de la Dona<\/a><\/h3>\n\t\t\t<\/header>\n\t\t<\/div>\n\t\t<div class=\"post-content\">\n\t\t\t<a href=\"https:\/\/www.psib-psoe.org\/mallorca\/francina-armengol-fa-una-crida-massiva-per-tornar-a-omplir-els-carrers-aquest-8-de-marc-dia-de-la-dona\/\" class=\"more-link\">Read More<\/a>\n\t\t<\/div>\n\t\t\t<aside class=\"post-bottom-meta hide\">\n\t\t<strong rel=\"author\" itemprop=\"author\" class=\"author vcard\"><span class=\"fn\">adminpsib<\/span><\/strong>\n\t\t<time class=\"date published time\" datetime=\"2020-03-07T11:24:13+02:00\" itemprop=\"datePublished\" content=\"2020-03-07T11:24:13+02:00\">07\/03\/2020<\/time>\n\t\t<meta itemprop=\"dateModified\" class=\"date updated\" content=\"2020-03-07T11:24:13+02:00\">\n\t\t<span class=\"hide\" itemprop=\"publisher\" itemscope itemtype=\"https:\/\/schema.org\/Organization\">\n\t\t\t<meta itemprop=\"name\" content=\"SocialistesdMca\">\n\t\t\t<span itemprop=\"logo\" itemscope itemtype=\"https:\/\/schema.org\/ImageObject\">\n\t\t\t\t<meta itemprop=\"url\" content=\"https:\/\/www.psib-psoe.org\/mallorca\/wp-content\/themes\/notio-wp\/assets\/img\/logo.png\">\n\t\t\t<\/span>\n\t\t\t<meta itemprop=\"url\" content=\"https:\/\/www.psib-psoe.org\/mallorca\/\">\n\t\t<\/span>\n\t\t\t\t<span class=\"hide\" itemprop=\"image\" itemscope itemtype=\"http:\/\/schema.org\/ImageObject\">\n\t\t\t<meta itemprop=\"url\" content=\"https:\/\/www.psib-psoe.org\/mallorca\/wp-content\/uploads\/armengol-cladera-moreno-sopar-de-la-dona-inca-2020_2.jpg\">\n\t\t\t<meta itemprop=\"width\" content=\"2000\">\n\t\t\t<meta itemprop=\"height\" content=\"1500\">\n\t\t<\/span>\n\t\t\t\t<meta itemscope itemprop=\"mainEntityOfPage\" itemtype=\"https:\/\/schema.org\/WebPage\" itemid=\"https:\/\/www.psib-psoe.org\/mallorca\/francina-armengol-fa-una-crida-massiva-per-tornar-a-omplir-els-carrers-aquest-8-de-marc-dia-de-la-dona\/\">\n\t<\/aside>\n\t\t<\/article>\n<\/div>\n<div class=\"small-12 large-4 columns\">\n\t<article itemscope itemtype=\"http:\/\/schema.org\/Article\" class=\"post blog-style7 alt post-24979 type-post status-publish format-standard has-post-thumbnail hentry category-federacio-de-mallorca category-portada\" role=\"article\">\n\t\t<figure class=\"post-gallery\"><img loading=\"lazy\" decoding=\"async\" width=\"600\" height=\"400\" src=\"https:\/\/www.psib-psoe.org\/mallorca\/wp-content\/uploads\/photo5956218315351371732-600x400.jpg\" class=\"attachment-notio-general-x2 size-notio-general-x2 wp-post-image\" alt=\"\" srcset=\"https:\/\/www.psib-psoe.org\/mallorca\/wp-content\/uploads\/photo5956218315351371732-600x400.jpg 600w, https:\/\/www.psib-psoe.org\/mallorca\/wp-content\/uploads\/photo5956218315351371732-300x200.jpg 300w, https:\/\/www.psib-psoe.org\/mallorca\/wp-content\/uploads\/photo5956218315351371732-900x600.jpg 900w, https:\/\/www.psib-psoe.org\/mallorca\/wp-content\/uploads\/photo5956218315351371732-20x13.jpg 20w\" sizes=\"(max-width: 600px) 100vw, 600px\" \/><\/figure>\n\t\t<div class=\"blog-top\">\n\t\t\t<header class=\"post-title entry-header\">\n\t\t\t\t<aside class=\"post-meta cf\">\n\t\t25\/02\/2020 \/ <a href=\"https:\/\/www.psib-psoe.org\/mallorca\/category\/federacio-de-mallorca\/\" rel=\"category tag\">Federaci\u00f3 de Mallorca<\/a>, <a href=\"https:\/\/www.psib-psoe.org\/mallorca\/category\/portada\/\" rel=\"category tag\">Portada<\/a><\/aside>\n\t\t\t\t<h3 itemprop=\"headline\"><a href=\"https:\/\/www.psib-psoe.org\/mallorca\/regidora-santanyi\/\" title=\"Mar\u00eda Vega, nova regidora de Santany\u00ed\">Mar\u00eda Vega, nova regidora de Santany\u00ed<\/a><\/h3>\n\t\t\t<\/header>\n\t\t<\/div>\n\t\t<div class=\"post-content\">\n\t\t\t<a href=\"https:\/\/www.psib-psoe.org\/mallorca\/regidora-santanyi\/\" class=\"more-link\">Read More<\/a>\n\t\t<\/div>\n\t\t\t<aside class=\"post-bottom-meta hide\">\n\t\t<strong rel=\"author\" itemprop=\"author\" class=\"author vcard\"><span class=\"fn\">adminpsib<\/span><\/strong>\n\t\t<time class=\"date published time\" datetime=\"2020-02-25T17:25:08+02:00\" itemprop=\"datePublished\" content=\"2020-02-25T17:25:08+02:00\">25\/02\/2020<\/time>\n\t\t<meta itemprop=\"dateModified\" class=\"date updated\" content=\"2020-02-25T17:25:08+02:00\">\n\t\t<span class=\"hide\" itemprop=\"publisher\" itemscope itemtype=\"https:\/\/schema.org\/Organization\">\n\t\t\t<meta itemprop=\"name\" content=\"SocialistesdMca\">\n\t\t\t<span itemprop=\"logo\" itemscope itemtype=\"https:\/\/schema.org\/ImageObject\">\n\t\t\t\t<meta itemprop=\"url\" content=\"https:\/\/www.psib-psoe.org\/mallorca\/wp-content\/themes\/notio-wp\/assets\/img\/logo.png\">\n\t\t\t<\/span>\n\t\t\t<meta itemprop=\"url\" content=\"https:\/\/www.psib-psoe.org\/mallorca\/\">\n\t\t<\/span>\n\t\t\t\t<span class=\"hide\" itemprop=\"image\" itemscope itemtype=\"http:\/\/schema.org\/ImageObject\">\n\t\t\t<meta itemprop=\"url\" content=\"https:\/\/www.psib-psoe.org\/mallorca\/wp-content\/uploads\/photo5956218315351371732.jpg\">\n\t\t\t<meta itemprop=\"width\" content=\"960\">\n\t\t\t<meta itemprop=\"height\" content=\"1280\">\n\t\t<\/span>\n\t\t\t\t<meta itemscope itemprop=\"mainEntityOfPage\" itemtype=\"https:\/\/schema.org\/WebPage\" itemid=\"https:\/\/www.psib-psoe.org\/mallorca\/regidora-santanyi\/\">\n\t<\/aside>\n\t\t<\/article>\n<\/div>\n<div class=\"small-12 large-4 columns\">\n\t<article itemscope itemtype=\"http:\/\/schema.org\/Article\" class=\"post blog-style7 alt post-24974 type-post status-publish format-standard has-post-thumbnail hentry category-federacio-de-mallorca category-portada\" role=\"article\">\n\t\t<figure class=\"post-gallery\"><img loading=\"lazy\" decoding=\"async\" width=\"600\" height=\"400\" src=\"https:\/\/www.psib-psoe.org\/mallorca\/wp-content\/uploads\/WhatsApp-Image-2020-02-21-at-08.57.17-600x400.jpeg\" class=\"attachment-notio-general-x2 size-notio-general-x2 wp-post-image\" alt=\"\" srcset=\"https:\/\/www.psib-psoe.org\/mallorca\/wp-content\/uploads\/WhatsApp-Image-2020-02-21-at-08.57.17-600x400.jpeg 600w, https:\/\/www.psib-psoe.org\/mallorca\/wp-content\/uploads\/WhatsApp-Image-2020-02-21-at-08.57.17-300x200.jpeg 300w, https:\/\/www.psib-psoe.org\/mallorca\/wp-content\/uploads\/WhatsApp-Image-2020-02-21-at-08.57.17-20x13.jpeg 20w\" sizes=\"(max-width: 600px) 100vw, 600px\" \/><\/figure>\n\t\t<div class=\"blog-top\">\n\t\t\t<header class=\"post-title entry-header\">\n\t\t\t\t<aside class=\"post-meta cf\">\n\t\t21\/02\/2020 \/ <a href=\"https:\/\/www.psib-psoe.org\/mallorca\/category\/federacio-de-mallorca\/\" rel=\"category tag\">Federaci\u00f3 de Mallorca<\/a>, <a href=\"https:\/\/www.psib-psoe.org\/mallorca\/category\/portada\/\" rel=\"category tag\">Portada<\/a><\/aside>\n\t\t\t\t<h3 itemprop=\"headline\"><a href=\"https:\/\/www.psib-psoe.org\/mallorca\/secretari-general-bordoy\/\" title=\"Toni Bordoy, nou secretari general de l\u2019Agrupaci\u00f3 Socialista d\u2019Esporles\">Toni Bordoy, nou secretari general de l\u2019Agrupaci\u00f3 Socialista d\u2019Esporles<\/a><\/h3>\n\t\t\t<\/header>\n\t\t<\/div>\n\t\t<div class=\"post-content\">\n\t\t\t<a href=\"https:\/\/www.psib-psoe.org\/mallorca\/secretari-general-bordoy\/\" class=\"more-link\">Read More<\/a>\n\t\t<\/div>\n\t\t\t<aside class=\"post-bottom-meta hide\">\n\t\t<strong rel=\"author\" itemprop=\"author\" class=\"author vcard\"><span class=\"fn\">adminpsib<\/span><\/strong>\n\t\t<time class=\"date published time\" datetime=\"2020-02-21T10:17:56+02:00\" itemprop=\"datePublished\" content=\"2020-02-21T10:17:56+02:00\">21\/02\/2020<\/time>\n\t\t<meta itemprop=\"dateModified\" class=\"date updated\" content=\"2020-02-21T10:18:43+02:00\">\n\t\t<span class=\"hide\" itemprop=\"publisher\" itemscope itemtype=\"https:\/\/schema.org\/Organization\">\n\t\t\t<meta itemprop=\"name\" content=\"SocialistesdMca\">\n\t\t\t<span itemprop=\"logo\" itemscope itemtype=\"https:\/\/schema.org\/ImageObject\">\n\t\t\t\t<meta itemprop=\"url\" content=\"https:\/\/www.psib-psoe.org\/mallorca\/wp-content\/themes\/notio-wp\/assets\/img\/logo.png\">\n\t\t\t<\/span>\n\t\t\t<meta itemprop=\"url\" content=\"https:\/\/www.psib-psoe.org\/mallorca\/\">\n\t\t<\/span>\n\t\t\t\t<span class=\"hide\" itemprop=\"image\" itemscope itemtype=\"http:\/\/schema.org\/ImageObject\">\n\t\t\t<meta itemprop=\"url\" content=\"https:\/\/www.psib-psoe.org\/mallorca\/wp-content\/uploads\/WhatsApp-Image-2020-02-21-at-08.57.17.jpeg\">\n\t\t\t<meta itemprop=\"width\" content=\"683\">\n\t\t\t<meta itemprop=\"height\" content=\"1024\">\n\t\t<\/span>\n\t\t\t\t<meta itemscope itemprop=\"mainEntityOfPage\" itemtype=\"https:\/\/schema.org\/WebPage\" itemid=\"https:\/\/www.psib-psoe.org\/mallorca\/secretari-general-bordoy\/\">\n\t<\/aside>\n\t\t<\/article>\n<\/div>\n<div class=\"small-12 large-4 columns\">\n\t<article itemscope itemtype=\"http:\/\/schema.org\/Article\" class=\"post blog-style7 alt post-24969 type-post status-publish format-standard has-post-thumbnail hentry category-federacio-de-mallorca category-portada\" role=\"article\">\n\t\t<figure class=\"post-gallery\"><img loading=\"lazy\" decoding=\"async\" width=\"600\" height=\"400\" src=\"https:\/\/www.psib-psoe.org\/mallorca\/wp-content\/uploads\/Agrupaci\u00f3-de-Palma-Nord-600x400.jpg\" class=\"attachment-notio-general-x2 size-notio-general-x2 wp-post-image\" alt=\"\" srcset=\"https:\/\/www.psib-psoe.org\/mallorca\/wp-content\/uploads\/Agrupaci\u00f3-de-Palma-Nord-600x400.jpg 600w, https:\/\/www.psib-psoe.org\/mallorca\/wp-content\/uploads\/Agrupaci\u00f3-de-Palma-Nord-300x200.jpg 300w, https:\/\/www.psib-psoe.org\/mallorca\/wp-content\/uploads\/Agrupaci\u00f3-de-Palma-Nord-900x600.jpg 900w, https:\/\/www.psib-psoe.org\/mallorca\/wp-content\/uploads\/Agrupaci\u00f3-de-Palma-Nord-20x13.jpg 20w\" sizes=\"(max-width: 600px) 100vw, 600px\" \/><\/figure>\n\t\t<div class=\"blog-top\">\n\t\t\t<header class=\"post-title entry-header\">\n\t\t\t\t<aside class=\"post-meta cf\">\n\t\t18\/02\/2020 \/ <a href=\"https:\/\/www.psib-psoe.org\/mallorca\/category\/federacio-de-mallorca\/\" rel=\"category tag\">Federaci\u00f3 de Mallorca<\/a>, <a href=\"https:\/\/www.psib-psoe.org\/mallorca\/category\/portada\/\" rel=\"category tag\">Portada<\/a><\/aside>\n\t\t\t\t<h3 itemprop=\"headline\"><a href=\"https:\/\/www.psib-psoe.org\/mallorca\/carmen-palomino-es-elegida-nova-secretaria-general-de-lagrupacio-socialista-de-palma-nord\/\" title=\"Carmen Palomino \u00e9s elegida nova secret\u00e0ria general de l\u2019Agrupaci\u00f3 Socialista de Palma Nord\">Carmen Palomino \u00e9s elegida nova secret\u00e0ria general de l\u2019Agrupaci\u00f3 Socialista de Palma Nord<\/a><\/h3>\n\t\t\t<\/header>\n\t\t<\/div>\n\t\t<div class=\"post-content\">\n\t\t\t<a href=\"https:\/\/www.psib-psoe.org\/mallorca\/carmen-palomino-es-elegida-nova-secretaria-general-de-lagrupacio-socialista-de-palma-nord\/\" class=\"more-link\">Read More<\/a>\n\t\t<\/div>\n\t\t\t<aside class=\"post-bottom-meta hide\">\n\t\t<strong rel=\"author\" itemprop=\"author\" class=\"author vcard\"><span class=\"fn\">adminpsib<\/span><\/strong>\n\t\t<time class=\"date published time\" datetime=\"2020-02-18T11:57:05+02:00\" itemprop=\"datePublished\" content=\"2020-02-18T11:57:05+02:00\">18\/02\/2020<\/time>\n\t\t<meta itemprop=\"dateModified\" class=\"date updated\" content=\"2020-02-18T11:57:05+02:00\">\n\t\t<span class=\"hide\" itemprop=\"publisher\" itemscope itemtype=\"https:\/\/schema.org\/Organization\">\n\t\t\t<meta itemprop=\"name\" content=\"SocialistesdMca\">\n\t\t\t<span itemprop=\"logo\" itemscope itemtype=\"https:\/\/schema.org\/ImageObject\">\n\t\t\t\t<meta itemprop=\"url\" content=\"https:\/\/www.psib-psoe.org\/mallorca\/wp-content\/themes\/notio-wp\/assets\/img\/logo.png\">\n\t\t\t<\/span>\n\t\t\t<meta itemprop=\"url\" content=\"https:\/\/www.psib-psoe.org\/mallorca\/\">\n\t\t<\/span>\n\t\t\t\t<span class=\"hide\" itemprop=\"image\" itemscope itemtype=\"http:\/\/schema.org\/ImageObject\">\n\t\t\t<meta itemprop=\"url\" content=\"https:\/\/www.psib-psoe.org\/mallorca\/wp-content\/uploads\/Agrupaci\u00f3-de-Palma-Nord.jpg\">\n\t\t\t<meta itemprop=\"width\" content=\"3591\">\n\t\t\t<meta itemprop=\"height\" content=\"2693\">\n\t\t<\/span>\n\t\t\t\t<meta itemscope itemprop=\"mainEntityOfPage\" itemtype=\"https:\/\/schema.org\/WebPage\" itemid=\"https:\/\/www.psib-psoe.org\/mallorca\/carmen-palomino-es-elegida-nova-secretaria-general-de-lagrupacio-socialista-de-palma-nord\/\">\n\t<\/aside>\n\t\t<\/article>\n<\/div>\n<div class=\"small-12 large-4 columns\">\n\t<article itemscope itemtype=\"http:\/\/schema.org\/Article\" class=\"post blog-style7 alt post-24962 type-post status-publish format-standard has-post-thumbnail hentry category-federacio-de-mallorca tag-federacio-socialista-de-mallorca\" role=\"article\">\n\t\t<figure class=\"post-gallery\"><img loading=\"lazy\" decoding=\"async\" width=\"600\" height=\"400\" src=\"https:\/\/www.psib-psoe.org\/mallorca\/wp-content\/uploads\/Pere-Joan-Pons-XIV-Legislatura-600x400.jpg\" class=\"attachment-notio-general-x2 size-notio-general-x2 wp-post-image\" alt=\"\" srcset=\"https:\/\/www.psib-psoe.org\/mallorca\/wp-content\/uploads\/Pere-Joan-Pons-XIV-Legislatura-600x400.jpg 600w, https:\/\/www.psib-psoe.org\/mallorca\/wp-content\/uploads\/Pere-Joan-Pons-XIV-Legislatura-300x200.jpg 300w, https:\/\/www.psib-psoe.org\/mallorca\/wp-content\/uploads\/Pere-Joan-Pons-XIV-Legislatura-900x600.jpg 900w, https:\/\/www.psib-psoe.org\/mallorca\/wp-content\/uploads\/Pere-Joan-Pons-XIV-Legislatura-20x13.jpg 20w\" sizes=\"(max-width: 600px) 100vw, 600px\" \/><\/figure>\n\t\t<div class=\"blog-top\">\n\t\t\t<header class=\"post-title entry-header\">\n\t\t\t\t<aside class=\"post-meta cf\">\n\t\t12\/02\/2020 \/ <a href=\"https:\/\/www.psib-psoe.org\/mallorca\/category\/federacio-de-mallorca\/\" rel=\"category tag\">Federaci\u00f3 de Mallorca<\/a><\/aside>\n\t\t\t\t<h3 itemprop=\"headline\"><a href=\"https:\/\/www.psib-psoe.org\/mallorca\/el-psib-psoe-defensa-que-la-presa-en-consideracio-de-la-llei-deutanasia-i-les-primeres-mesures-impulsades-pel-govern-demostren-una-clara-voluntat-de-governar\/\" title=\"El PSIB-PSOE defensa que la presa en consideraci\u00f3 de la Llei d\u2019Eutan\u00e0sia i les primeres mesures impulsades pel Govern demostren una \u201cclara voluntat de governar\u201d\">El PSIB-PSOE defensa que la presa en consideraci\u00f3 de la Llei d\u2019Eutan\u00e0sia i les primeres mesures impulsades pel Govern demostren una \u201cclara voluntat de governar\u201d<\/a><\/h3>\n\t\t\t<\/header>\n\t\t<\/div>\n\t\t<div class=\"post-content\">\n\t\t\t<a href=\"https:\/\/www.psib-psoe.org\/mallorca\/el-psib-psoe-defensa-que-la-presa-en-consideracio-de-la-llei-deutanasia-i-les-primeres-mesures-impulsades-pel-govern-demostren-una-clara-voluntat-de-governar\/\" class=\"more-link\">Read More<\/a>\n\t\t<\/div>\n\t\t\t<aside class=\"post-bottom-meta hide\">\n\t\t<strong rel=\"author\" itemprop=\"author\" class=\"author vcard\"><span class=\"fn\">adminpsib<\/span><\/strong>\n\t\t<time class=\"date published time\" datetime=\"2020-02-12T15:18:56+02:00\" itemprop=\"datePublished\" content=\"2020-02-12T15:18:56+02:00\">12\/02\/2020<\/time>\n\t\t<meta itemprop=\"dateModified\" class=\"date updated\" content=\"2020-02-12T15:18:56+02:00\">\n\t\t<span class=\"hide\" itemprop=\"publisher\" itemscope itemtype=\"https:\/\/schema.org\/Organization\">\n\t\t\t<meta itemprop=\"name\" content=\"SocialistesdMca\">\n\t\t\t<span itemprop=\"logo\" itemscope itemtype=\"https:\/\/schema.org\/ImageObject\">\n\t\t\t\t<meta itemprop=\"url\" content=\"https:\/\/www.psib-psoe.org\/mallorca\/wp-content\/themes\/notio-wp\/assets\/img\/logo.png\">\n\t\t\t<\/span>\n\t\t\t<meta itemprop=\"url\" content=\"https:\/\/www.psib-psoe.org\/mallorca\/\">\n\t\t<\/span>\n\t\t\t\t<span class=\"hide\" itemprop=\"image\" itemscope itemtype=\"http:\/\/schema.org\/ImageObject\">\n\t\t\t<meta itemprop=\"url\" content=\"https:\/\/www.psib-psoe.org\/mallorca\/wp-content\/uploads\/Pere-Joan-Pons-XIV-Legislatura.jpg\">\n\t\t\t<meta itemprop=\"width\" content=\"1000\">\n\t\t\t<meta itemprop=\"height\" content=\"750\">\n\t\t<\/span>\n\t\t\t\t<meta itemscope itemprop=\"mainEntityOfPage\" itemtype=\"https:\/\/schema.org\/WebPage\" itemid=\"https:\/\/www.psib-psoe.org\/mallorca\/el-psib-psoe-defensa-que-la-presa-en-consideracio-de-la-llei-deutanasia-i-les-primeres-mesures-impulsades-pel-govern-demostren-una-clara-voluntat-de-governar\/\">\n\t<\/aside>\n\t\t<\/article>\n<\/div>\n<div class=\"small-12 large-4 columns\">\n\t<article itemscope itemtype=\"http:\/\/schema.org\/Article\" class=\"post blog-style7 alt post-24952 type-post status-publish format-standard has-post-thumbnail hentry category-federacio-de-mallorca tag-federacio-socialista-de-mallorca\" role=\"article\">\n\t\t<figure class=\"post-gallery\"><img loading=\"lazy\" decoding=\"async\" width=\"600\" height=\"400\" src=\"https:\/\/www.psib-psoe.org\/mallorca\/wp-content\/uploads\/fas-100-aniversari-pepe-muniesa-600x400.jpg\" class=\"attachment-notio-general-x2 size-notio-general-x2 wp-post-image\" alt=\"\" srcset=\"https:\/\/www.psib-psoe.org\/mallorca\/wp-content\/uploads\/fas-100-aniversari-pepe-muniesa-600x400.jpg 600w, https:\/\/www.psib-psoe.org\/mallorca\/wp-content\/uploads\/fas-100-aniversari-pepe-muniesa-300x200.jpg 300w, https:\/\/www.psib-psoe.org\/mallorca\/wp-content\/uploads\/fas-100-aniversari-pepe-muniesa-20x13.jpg 20w, https:\/\/www.psib-psoe.org\/mallorca\/wp-content\/uploads\/fas-100-aniversari-pepe-muniesa-900x600.jpg 900w\" sizes=\"(max-width: 600px) 100vw, 600px\" \/><\/figure>\n\t\t<div class=\"blog-top\">\n\t\t\t<header class=\"post-title entry-header\">\n\t\t\t\t<aside class=\"post-meta cf\">\n\t\t10\/02\/2020 \/ <a href=\"https:\/\/www.psib-psoe.org\/mallorca\/category\/federacio-de-mallorca\/\" rel=\"category tag\">Federaci\u00f3 de Mallorca<\/a><\/aside>\n\t\t\t\t<h3 itemprop=\"headline\"><a href=\"https:\/\/www.psib-psoe.org\/mallorca\/el-psib-psoe-homenatja-pepe-muniesa-el-seu-militant-de-mes-edat-pel-seu-100e-aniversari\/\" title=\"El PSIB-PSOE homenatja Pepe Muniesa, el seu militant de m\u00e9s edat, pel seu 100\u00e8 aniversari\">El PSIB-PSOE homenatja Pepe Muniesa, el seu militant de m\u00e9s edat, pel seu 100\u00e8 aniversari<\/a><\/h3>\n\t\t\t<\/header>\n\t\t<\/div>\n\t\t<div class=\"post-content\">\n\t\t\t<a href=\"https:\/\/www.psib-psoe.org\/mallorca\/el-psib-psoe-homenatja-pepe-muniesa-el-seu-militant-de-mes-edat-pel-seu-100e-aniversari\/\" class=\"more-link\">Read More<\/a>\n\t\t<\/div>\n\t\t\t<aside class=\"post-bottom-meta hide\">\n\t\t<strong rel=\"author\" itemprop=\"author\" class=\"author vcard\"><span class=\"fn\">adminpsib<\/span><\/strong>\n\t\t<time class=\"date published time\" datetime=\"2020-02-10T19:53:02+02:00\" itemprop=\"datePublished\" content=\"2020-02-10T19:53:02+02:00\">10\/02\/2020<\/time>\n\t\t<meta itemprop=\"dateModified\" class=\"date updated\" content=\"2020-02-10T19:53:02+02:00\">\n\t\t<span class=\"hide\" itemprop=\"publisher\" itemscope itemtype=\"https:\/\/schema.org\/Organization\">\n\t\t\t<meta itemprop=\"name\" content=\"SocialistesdMca\">\n\t\t\t<span itemprop=\"logo\" itemscope itemtype=\"https:\/\/schema.org\/ImageObject\">\n\t\t\t\t<meta itemprop=\"url\" content=\"https:\/\/www.psib-psoe.org\/mallorca\/wp-content\/themes\/notio-wp\/assets\/img\/logo.png\">\n\t\t\t<\/span>\n\t\t\t<meta itemprop=\"url\" content=\"https:\/\/www.psib-psoe.org\/mallorca\/\">\n\t\t<\/span>\n\t\t\t\t<span class=\"hide\" itemprop=\"image\" itemscope itemtype=\"http:\/\/schema.org\/ImageObject\">\n\t\t\t<meta itemprop=\"url\" content=\"https:\/\/www.psib-psoe.org\/mallorca\/wp-content\/uploads\/fas-100-aniversari-pepe-muniesa.jpg\">\n\t\t\t<meta itemprop=\"width\" content=\"2000\">\n\t\t\t<meta itemprop=\"height\" content=\"1396\">\n\t\t<\/span>\n\t\t\t\t<meta itemscope itemprop=\"mainEntityOfPage\" itemtype=\"https:\/\/schema.org\/WebPage\" itemid=\"https:\/\/www.psib-psoe.org\/mallorca\/el-psib-psoe-homenatja-pepe-muniesa-el-seu-militant-de-mes-edat-pel-seu-100e-aniversari\/\">\n\t<\/aside>\n\t\t<\/article>\n<\/div>\n<div class=\"small-12 large-4 columns\">\n\t<article itemscope itemtype=\"http:\/\/schema.org\/Article\" class=\"post blog-style7 alt post-24932 type-post status-publish format-standard has-post-thumbnail hentry category-federacio-de-mallorca tag-federacio-socialista-de-mallorca\" role=\"article\">\n\t\t<figure class=\"post-gallery\"><img loading=\"lazy\" decoding=\"async\" width=\"600\" height=\"400\" src=\"https:\/\/www.psib-psoe.org\/mallorca\/wp-content\/uploads\/Congr\u00e9s-i-Senat-600x400.jpg\" class=\"attachment-notio-general-x2 size-notio-general-x2 wp-post-image\" alt=\"\" srcset=\"https:\/\/www.psib-psoe.org\/mallorca\/wp-content\/uploads\/Congr\u00e9s-i-Senat-600x400.jpg 600w, https:\/\/www.psib-psoe.org\/mallorca\/wp-content\/uploads\/Congr\u00e9s-i-Senat-300x200.jpg 300w, https:\/\/www.psib-psoe.org\/mallorca\/wp-content\/uploads\/Congr\u00e9s-i-Senat-20x13.jpg 20w\" sizes=\"(max-width: 600px) 100vw, 600px\" \/><\/figure>\n\t\t<div class=\"blog-top\">\n\t\t\t<header class=\"post-title entry-header\">\n\t\t\t\t<aside class=\"post-meta cf\">\n\t\t05\/02\/2020 \/ <a href=\"https:\/\/www.psib-psoe.org\/mallorca\/category\/federacio-de-mallorca\/\" rel=\"category tag\">Federaci\u00f3 de Mallorca<\/a><\/aside>\n\t\t\t\t<h3 itemprop=\"headline\"><a href=\"https:\/\/www.psib-psoe.org\/mallorca\/el-psib-psoe-tendra-una-presidencia-tres-carrecs-de-portaveu-i-dues-vicepresidencies-a-les-comissions-del-congres-i-del-senat\/\" title=\"El PSIB-PSOE tendr\u00e0 una presid\u00e8ncia, tres c\u00e0rrecs de portaveu i dues vicepresid\u00e8ncies a les comissions del Congr\u00e9s i del Senat\">El PSIB-PSOE tendr\u00e0 una presid\u00e8ncia, tres c\u00e0rrecs de portaveu i dues vicepresid\u00e8ncies a les comissions del Congr\u00e9s i del Senat<\/a><\/h3>\n\t\t\t<\/header>\n\t\t<\/div>\n\t\t<div class=\"post-content\">\n\t\t\t<a href=\"https:\/\/www.psib-psoe.org\/mallorca\/el-psib-psoe-tendra-una-presidencia-tres-carrecs-de-portaveu-i-dues-vicepresidencies-a-les-comissions-del-congres-i-del-senat\/\" class=\"more-link\">Read More<\/a>\n\t\t<\/div>\n\t\t\t<aside class=\"post-bottom-meta hide\">\n\t\t<strong rel=\"author\" itemprop=\"author\" class=\"author vcard\"><span class=\"fn\">adminpsib<\/span><\/strong>\n\t\t<time class=\"date published time\" datetime=\"2020-02-05T11:59:57+02:00\" itemprop=\"datePublished\" content=\"2020-02-05T11:59:57+02:00\">05\/02\/2020<\/time>\n\t\t<meta itemprop=\"dateModified\" class=\"date updated\" content=\"2020-02-05T11:59:57+02:00\">\n\t\t<span class=\"hide\" itemprop=\"publisher\" itemscope itemtype=\"https:\/\/schema.org\/Organization\">\n\t\t\t<meta itemprop=\"name\" content=\"SocialistesdMca\">\n\t\t\t<span itemprop=\"logo\" itemscope itemtype=\"https:\/\/schema.org\/ImageObject\">\n\t\t\t\t<meta itemprop=\"url\" content=\"https:\/\/www.psib-psoe.org\/mallorca\/wp-content\/themes\/notio-wp\/assets\/img\/logo.png\">\n\t\t\t<\/span>\n\t\t\t<meta itemprop=\"url\" content=\"https:\/\/www.psib-psoe.org\/mallorca\/\">\n\t\t<\/span>\n\t\t\t\t<span class=\"hide\" itemprop=\"image\" itemscope itemtype=\"http:\/\/schema.org\/ImageObject\">\n\t\t\t<meta itemprop=\"url\" content=\"https:\/\/www.psib-psoe.org\/mallorca\/wp-content\/uploads\/Congr\u00e9s-i-Senat.jpg\">\n\t\t\t<meta itemprop=\"width\" content=\"1000\">\n\t\t\t<meta itemprop=\"height\" content=\"561\">\n\t\t<\/span>\n\t\t\t\t<meta itemscope itemprop=\"mainEntityOfPage\" itemtype=\"https:\/\/schema.org\/WebPage\" itemid=\"https:\/\/www.psib-psoe.org\/mallorca\/el-psib-psoe-tendra-una-presidencia-tres-carrecs-de-portaveu-i-dues-vicepresidencies-a-les-comissions-del-congres-i-del-senat\/\">\n\t<\/aside>\n\t\t<\/article>\n<\/div>\n<div class=\"small-12 large-4 columns\">\n\t<article itemscope itemtype=\"http:\/\/schema.org\/Article\" class=\"post blog-style7 alt post-24919 type-post status-publish format-standard has-post-thumbnail hentry category-federacio-de-mallorca category-municipis category-portada\" role=\"article\">\n\t\t<figure class=\"post-gallery\"><img loading=\"lazy\" decoding=\"async\" width=\"600\" height=\"400\" src=\"https:\/\/www.psib-psoe.org\/mallorca\/wp-content\/uploads\/Jaume-Mateu-Soller-600x400.jpeg\" class=\"attachment-notio-general-x2 size-notio-general-x2 wp-post-image\" alt=\"\" srcset=\"https:\/\/www.psib-psoe.org\/mallorca\/wp-content\/uploads\/Jaume-Mateu-Soller-600x400.jpeg 600w, https:\/\/www.psib-psoe.org\/mallorca\/wp-content\/uploads\/Jaume-Mateu-Soller-300x200.jpeg 300w, https:\/\/www.psib-psoe.org\/mallorca\/wp-content\/uploads\/Jaume-Mateu-Soller-768x511.jpeg 768w, https:\/\/www.psib-psoe.org\/mallorca\/wp-content\/uploads\/Jaume-Mateu-Soller-150x100.jpeg 150w, https:\/\/www.psib-psoe.org\/mallorca\/wp-content\/uploads\/Jaume-Mateu-Soller-900x600.jpeg 900w, https:\/\/www.psib-psoe.org\/mallorca\/wp-content\/uploads\/Jaume-Mateu-Soller-20x13.jpeg 20w, https:\/\/www.psib-psoe.org\/mallorca\/wp-content\/uploads\/Jaume-Mateu-Soller.jpeg 1000w\" sizes=\"(max-width: 600px) 100vw, 600px\" \/><\/figure>\n\t\t<div class=\"blog-top\">\n\t\t\t<header class=\"post-title entry-header\">\n\t\t\t\t<aside class=\"post-meta cf\">\n\t\t30\/01\/2020 \/ <a href=\"https:\/\/www.psib-psoe.org\/mallorca\/category\/federacio-de-mallorca\/\" rel=\"category tag\">Federaci\u00f3 de Mallorca<\/a>, <a href=\"https:\/\/www.psib-psoe.org\/mallorca\/category\/municipis\/\" rel=\"category tag\">Municipis<\/a>, <a href=\"https:\/\/www.psib-psoe.org\/mallorca\/category\/portada\/\" rel=\"category tag\">Portada<\/a><\/aside>\n\t\t\t\t<h3 itemprop=\"headline\"><a href=\"https:\/\/www.psib-psoe.org\/mallorca\/els-socialistes-de-soller-valoren-com-a-incoherent-i-inexplicable-el-pacte-entre-el-pi-pp-i-cs\/\" title=\"Els Socialistes de S\u00f3ller valoren com a \u201cincoherent i inexplicable\u201d el pacte entre El Pi, PP i C\u2019s\">Els Socialistes de S\u00f3ller valoren com a \u201cincoherent i inexplicable\u201d el pacte entre El Pi, PP i C\u2019s<\/a><\/h3>\n\t\t\t<\/header>\n\t\t<\/div>\n\t\t<div class=\"post-content\">\n\t\t\t<a href=\"https:\/\/www.psib-psoe.org\/mallorca\/els-socialistes-de-soller-valoren-com-a-incoherent-i-inexplicable-el-pacte-entre-el-pi-pp-i-cs\/\" class=\"more-link\">Read More<\/a>\n\t\t<\/div>\n\t\t\t<aside class=\"post-bottom-meta hide\">\n\t\t<strong rel=\"author\" itemprop=\"author\" class=\"author vcard\"><span class=\"fn\">adminpsib<\/span><\/strong>\n\t\t<time class=\"date published time\" datetime=\"2020-01-30T12:38:23+02:00\" itemprop=\"datePublished\" content=\"2020-01-30T12:38:23+02:00\">30\/01\/2020<\/time>\n\t\t<meta itemprop=\"dateModified\" class=\"date updated\" content=\"2020-01-30T13:06:33+02:00\">\n\t\t<span class=\"hide\" itemprop=\"publisher\" itemscope itemtype=\"https:\/\/schema.org\/Organization\">\n\t\t\t<meta itemprop=\"name\" content=\"SocialistesdMca\">\n\t\t\t<span itemprop=\"logo\" itemscope itemtype=\"https:\/\/schema.org\/ImageObject\">\n\t\t\t\t<meta itemprop=\"url\" content=\"https:\/\/www.psib-psoe.org\/mallorca\/wp-content\/themes\/notio-wp\/assets\/img\/logo.png\">\n\t\t\t<\/span>\n\t\t\t<meta itemprop=\"url\" content=\"https:\/\/www.psib-psoe.org\/mallorca\/\">\n\t\t<\/span>\n\t\t\t\t<span class=\"hide\" itemprop=\"image\" itemscope itemtype=\"http:\/\/schema.org\/ImageObject\">\n\t\t\t<meta itemprop=\"url\" content=\"https:\/\/www.psib-psoe.org\/mallorca\/wp-content\/uploads\/Jaume-Mateu-Soller.jpeg\">\n\t\t\t<meta itemprop=\"width\" content=\"1000\">\n\t\t\t<meta itemprop=\"height\" content=\"666\">\n\t\t<\/span>\n\t\t\t\t<meta itemscope itemprop=\"mainEntityOfPage\" itemtype=\"https:\/\/schema.org\/WebPage\" itemid=\"https:\/\/www.psib-psoe.org\/mallorca\/els-socialistes-de-soller-valoren-com-a-incoherent-i-inexplicable-el-pacte-entre-el-pi-pp-i-cs\/\">\n\t<\/aside>\n\t\t<\/article>\n<\/div>\n<div class=\"small-12 large-4 columns\">\n\t<article itemscope itemtype=\"http:\/\/schema.org\/Article\" class=\"post blog-style7 alt post-24907 type-post status-publish format-standard has-post-thumbnail hentry category-federacio-de-mallorca category-portada\" role=\"article\">\n\t\t<figure class=\"post-gallery\"><img loading=\"lazy\" decoding=\"async\" width=\"600\" height=\"400\" src=\"https:\/\/www.psib-psoe.org\/mallorca\/wp-content\/uploads\/consell-politic-mallorca-gener-2020-600x400.jpg\" class=\"attachment-notio-general-x2 size-notio-general-x2 wp-post-image\" alt=\"\" srcset=\"https:\/\/www.psib-psoe.org\/mallorca\/wp-content\/uploads\/consell-politic-mallorca-gener-2020-600x400.jpg 600w, https:\/\/www.psib-psoe.org\/mallorca\/wp-content\/uploads\/consell-politic-mallorca-gener-2020-300x200.jpg 300w, https:\/\/www.psib-psoe.org\/mallorca\/wp-content\/uploads\/consell-politic-mallorca-gener-2020-20x13.jpg 20w, https:\/\/www.psib-psoe.org\/mallorca\/wp-content\/uploads\/consell-politic-mallorca-gener-2020-900x599.jpg 900w\" sizes=\"(max-width: 600px) 100vw, 600px\" \/><\/figure>\n\t\t<div class=\"blog-top\">\n\t\t\t<header class=\"post-title entry-header\">\n\t\t\t\t<aside class=\"post-meta cf\">\n\t\t28\/01\/2020 \/ <a href=\"https:\/\/www.psib-psoe.org\/mallorca\/category\/federacio-de-mallorca\/\" rel=\"category tag\">Federaci\u00f3 de Mallorca<\/a>, <a href=\"https:\/\/www.psib-psoe.org\/mallorca\/category\/portada\/\" rel=\"category tag\">Portada<\/a><\/aside>\n\t\t\t\t<h3 itemprop=\"headline\"><a href=\"https:\/\/www.psib-psoe.org\/mallorca\/els-socialistes-de-mallorca-es-mostren-esperancats-i-illusionats-amb-lepoca-que-sacaba-dencetar-a-espanya-amb-el-govern-progressista-de-coalicio\/\" title=\"Els Socialistes de Mallorca es mostren \u201cesperan\u00e7ats i il\u00b7lusionats\u201d amb l\u2019\u00e8poca que s\u2019acaba d\u2019encetar a Espanya amb el govern progressista de coalici\u00f3\">Els Socialistes de Mallorca es mostren \u201cesperan\u00e7ats i il\u00b7lusionats\u201d amb l\u2019\u00e8poca que s\u2019acaba d\u2019encetar a Espanya amb el govern progressista de coalici\u00f3<\/a><\/h3>\n\t\t\t<\/header>\n\t\t<\/div>\n\t\t<div class=\"post-content\">\n\t\t\t<a href=\"https:\/\/www.psib-psoe.org\/mallorca\/els-socialistes-de-mallorca-es-mostren-esperancats-i-illusionats-amb-lepoca-que-sacaba-dencetar-a-espanya-amb-el-govern-progressista-de-coalicio\/\" class=\"more-link\">Read More<\/a>\n\t\t<\/div>\n\t\t\t<aside class=\"post-bottom-meta hide\">\n\t\t<strong rel=\"author\" itemprop=\"author\" class=\"author vcard\"><span class=\"fn\">Albert<\/span><\/strong>\n\t\t<time class=\"date published time\" datetime=\"2020-01-28T20:01:48+02:00\" itemprop=\"datePublished\" content=\"2020-01-28T20:01:48+02:00\">28\/01\/2020<\/time>\n\t\t<meta itemprop=\"dateModified\" class=\"date updated\" content=\"2020-01-28T20:01:48+02:00\">\n\t\t<span class=\"hide\" itemprop=\"publisher\" itemscope itemtype=\"https:\/\/schema.org\/Organization\">\n\t\t\t<meta itemprop=\"name\" content=\"SocialistesdMca\">\n\t\t\t<span itemprop=\"logo\" itemscope itemtype=\"https:\/\/schema.org\/ImageObject\">\n\t\t\t\t<meta itemprop=\"url\" content=\"https:\/\/www.psib-psoe.org\/mallorca\/wp-content\/themes\/notio-wp\/assets\/img\/logo.png\">\n\t\t\t<\/span>\n\t\t\t<meta itemprop=\"url\" content=\"https:\/\/www.psib-psoe.org\/mallorca\/\">\n\t\t<\/span>\n\t\t\t\t<span class=\"hide\" itemprop=\"image\" itemscope itemtype=\"http:\/\/schema.org\/ImageObject\">\n\t\t\t<meta itemprop=\"url\" content=\"https:\/\/www.psib-psoe.org\/mallorca\/wp-content\/uploads\/consell-politic-mallorca-gener-2020.jpg\">\n\t\t\t<meta itemprop=\"width\" content=\"1000\">\n\t\t\t<meta itemprop=\"height\" content=\"599\">\n\t\t<\/span>\n\t\t\t\t<meta itemscope itemprop=\"mainEntityOfPage\" itemtype=\"https:\/\/schema.org\/WebPage\" itemid=\"https:\/\/www.psib-psoe.org\/mallorca\/els-socialistes-de-mallorca-es-mostren-esperancats-i-illusionats-amb-lepoca-que-sacaba-dencetar-a-espanya-amb-el-govern-progressista-de-coalicio\/\">\n\t<\/aside>\n\t\t<\/article>\n<\/div>\n<div class=\"small-12 large-4 columns\">\n\t<article itemscope itemtype=\"http:\/\/schema.org\/Article\" class=\"post blog-style7 alt post-24902 type-post status-publish format-standard has-post-thumbnail hentry category-consell-de-mallorca category-federacio-de-mallorca category-portada\" role=\"article\">\n\t\t<figure class=\"post-gallery\"><img loading=\"lazy\" decoding=\"async\" width=\"600\" height=\"400\" src=\"https:\/\/www.psib-psoe.org\/mallorca\/wp-content\/uploads\/El-senador-per-Mallorca-Cosme-Bonet-la-presidenta-del-Consell-de-Mallorca-Catalina-Cladera-i-la-senadora-per-Mallorca-Susanna-Moll-600x400.jpeg\" class=\"attachment-notio-general-x2 size-notio-general-x2 wp-post-image\" alt=\"\" srcset=\"https:\/\/www.psib-psoe.org\/mallorca\/wp-content\/uploads\/El-senador-per-Mallorca-Cosme-Bonet-la-presidenta-del-Consell-de-Mallorca-Catalina-Cladera-i-la-senadora-per-Mallorca-Susanna-Moll-600x400.jpeg 600w, https:\/\/www.psib-psoe.org\/mallorca\/wp-content\/uploads\/El-senador-per-Mallorca-Cosme-Bonet-la-presidenta-del-Consell-de-Mallorca-Catalina-Cladera-i-la-senadora-per-Mallorca-Susanna-Moll-300x200.jpeg 300w, https:\/\/www.psib-psoe.org\/mallorca\/wp-content\/uploads\/El-senador-per-Mallorca-Cosme-Bonet-la-presidenta-del-Consell-de-Mallorca-Catalina-Cladera-i-la-senadora-per-Mallorca-Susanna-Moll-20x13.jpeg 20w, https:\/\/www.psib-psoe.org\/mallorca\/wp-content\/uploads\/El-senador-per-Mallorca-Cosme-Bonet-la-presidenta-del-Consell-de-Mallorca-Catalina-Cladera-i-la-senadora-per-Mallorca-Susanna-Moll-900x600.jpeg 900w\" sizes=\"(max-width: 600px) 100vw, 600px\" \/><\/figure>\n\t\t<div class=\"blog-top\">\n\t\t\t<header class=\"post-title entry-header\">\n\t\t\t\t<aside class=\"post-meta cf\">\n\t\t25\/01\/2020 \/ <a href=\"https:\/\/www.psib-psoe.org\/mallorca\/category\/consell-de-mallorca\/\" rel=\"category tag\">Consell de Mallorca<\/a>, <a href=\"https:\/\/www.psib-psoe.org\/mallorca\/category\/federacio-de-mallorca\/\" rel=\"category tag\">Federaci\u00f3 de Mallorca<\/a>, <a href=\"https:\/\/www.psib-psoe.org\/mallorca\/category\/portada\/\" rel=\"category tag\">Portada<\/a><\/aside>\n\t\t\t\t<h3 itemprop=\"headline\"><a href=\"https:\/\/www.psib-psoe.org\/mallorca\/els-senadors-per-mallorca-bonet-i-moll-sofereixen-a-representar-els-interessos-i-traslladar-les-necessitats-de-lilla-al-senat\/\" title=\"Els senadors per Mallorca Bonet i Moll s\u2019ofereixen a representar els interessos i traslladar les necessitats de l\u2019illa al Senat\">Els senadors per Mallorca Bonet i Moll s\u2019ofereixen a representar els interessos i traslladar les necessitats de l\u2019illa al Senat<\/a><\/h3>\n\t\t\t<\/header>\n\t\t<\/div>\n\t\t<div class=\"post-content\">\n\t\t\t<a href=\"https:\/\/www.psib-psoe.org\/mallorca\/els-senadors-per-mallorca-bonet-i-moll-sofereixen-a-representar-els-interessos-i-traslladar-les-necessitats-de-lilla-al-senat\/\" class=\"more-link\">Read More<\/a>\n\t\t<\/div>\n\t\t\t<aside class=\"post-bottom-meta hide\">\n\t\t<strong rel=\"author\" itemprop=\"author\" class=\"author vcard\"><span class=\"fn\">Albert<\/span><\/strong>\n\t\t<time class=\"date published time\" datetime=\"2020-01-25T10:46:33+02:00\" itemprop=\"datePublished\" content=\"2020-01-25T10:46:33+02:00\">25\/01\/2020<\/time>\n\t\t<meta itemprop=\"dateModified\" class=\"date updated\" content=\"2020-01-25T10:46:33+02:00\">\n\t\t<span class=\"hide\" itemprop=\"publisher\" itemscope itemtype=\"https:\/\/schema.org\/Organization\">\n\t\t\t<meta itemprop=\"name\" content=\"SocialistesdMca\">\n\t\t\t<span itemprop=\"logo\" itemscope itemtype=\"https:\/\/schema.org\/ImageObject\">\n\t\t\t\t<meta itemprop=\"url\" content=\"https:\/\/www.psib-psoe.org\/mallorca\/wp-content\/themes\/notio-wp\/assets\/img\/logo.png\">\n\t\t\t<\/span>\n\t\t\t<meta itemprop=\"url\" content=\"https:\/\/www.psib-psoe.org\/mallorca\/\">\n\t\t<\/span>\n\t\t\t\t<span class=\"hide\" itemprop=\"image\" itemscope itemtype=\"http:\/\/schema.org\/ImageObject\">\n\t\t\t<meta itemprop=\"url\" content=\"https:\/\/www.psib-psoe.org\/mallorca\/wp-content\/uploads\/El-senador-per-Mallorca-Cosme-Bonet-la-presidenta-del-Consell-de-Mallorca-Catalina-Cladera-i-la-senadora-per-Mallorca-Susanna-Moll.jpeg\">\n\t\t\t<meta itemprop=\"width\" content=\"1024\">\n\t\t\t<meta itemprop=\"height\" content=\"725\">\n\t\t<\/span>\n\t\t\t\t<meta itemscope itemprop=\"mainEntityOfPage\" itemtype=\"https:\/\/schema.org\/WebPage\" itemid=\"https:\/\/www.psib-psoe.org\/mallorca\/els-senadors-per-mallorca-bonet-i-moll-sofereixen-a-representar-els-interessos-i-traslladar-les-necessitats-de-lilla-al-senat\/\">\n\t<\/aside>\n\t\t<\/article>\n<\/div>\n<div class=\"small-12 large-4 columns\">\n\t<article itemscope itemtype=\"http:\/\/schema.org\/Article\" class=\"post blog-style7 alt post-24561 type-post status-publish format-standard has-post-thumbnail hentry category-federacio-de-mallorca category-municipis category-portada\" role=\"article\">\n\t\t<figure class=\"post-gallery\"><img loading=\"lazy\" decoding=\"async\" width=\"600\" height=\"400\" src=\"https:\/\/www.psib-psoe.org\/mallorca\/wp-content\/uploads\/armengol-garrido-cladera-miralles-mulet-sopar-nadal-mallorca-2019-600x400.jpeg\" class=\"attachment-notio-general-x2 size-notio-general-x2 wp-post-image\" alt=\"\" srcset=\"https:\/\/www.psib-psoe.org\/mallorca\/wp-content\/uploads\/armengol-garrido-cladera-miralles-mulet-sopar-nadal-mallorca-2019-600x400.jpeg 600w, https:\/\/www.psib-psoe.org\/mallorca\/wp-content\/uploads\/armengol-garrido-cladera-miralles-mulet-sopar-nadal-mallorca-2019-300x200.jpeg 300w, https:\/\/www.psib-psoe.org\/mallorca\/wp-content\/uploads\/armengol-garrido-cladera-miralles-mulet-sopar-nadal-mallorca-2019-768x512.jpeg 768w, https:\/\/www.psib-psoe.org\/mallorca\/wp-content\/uploads\/armengol-garrido-cladera-miralles-mulet-sopar-nadal-mallorca-2019-150x100.jpeg 150w, https:\/\/www.psib-psoe.org\/mallorca\/wp-content\/uploads\/armengol-garrido-cladera-miralles-mulet-sopar-nadal-mallorca-2019-900x600.jpeg 900w, https:\/\/www.psib-psoe.org\/mallorca\/wp-content\/uploads\/armengol-garrido-cladera-miralles-mulet-sopar-nadal-mallorca-2019-20x13.jpeg 20w, https:\/\/www.psib-psoe.org\/mallorca\/wp-content\/uploads\/armengol-garrido-cladera-miralles-mulet-sopar-nadal-mallorca-2019.jpeg 1000w\" sizes=\"(max-width: 600px) 100vw, 600px\" \/><\/figure>\n\t\t<div class=\"blog-top\">\n\t\t\t<header class=\"post-title entry-header\">\n\t\t\t\t<aside class=\"post-meta cf\">\n\t\t20\/12\/2019 \/ <a href=\"https:\/\/www.psib-psoe.org\/mallorca\/category\/federacio-de-mallorca\/\" rel=\"category tag\">Federaci\u00f3 de Mallorca<\/a>, <a href=\"https:\/\/www.psib-psoe.org\/mallorca\/category\/municipis\/\" rel=\"category tag\">Municipis<\/a>, <a href=\"https:\/\/www.psib-psoe.org\/mallorca\/category\/portada\/\" rel=\"category tag\">Portada<\/a><\/aside>\n\t\t\t\t<h3 itemprop=\"headline\"><a href=\"https:\/\/www.psib-psoe.org\/mallorca\/els-socialistes-de-mallorca-tanquen-un-any-historic-amb-un-sopar-multitudinari-amb-prop-de-mil-militants\/\" title=\"Els Socialistes de Mallorca tanquen un any hist\u00f2ric amb un sopar de Nadal multitudinari amb prop de mil militants\">Els Socialistes de Mallorca tanquen un any hist\u00f2ric amb un sopar de Nadal multitudinari amb prop de mil militants<\/a><\/h3>\n\t\t\t<\/header>\n\t\t<\/div>\n\t\t<div class=\"post-content\">\n\t\t\t<a href=\"https:\/\/www.psib-psoe.org\/mallorca\/els-socialistes-de-mallorca-tanquen-un-any-historic-amb-un-sopar-multitudinari-amb-prop-de-mil-militants\/\" class=\"more-link\">Read More<\/a>\n\t\t<\/div>\n\t\t\t<aside class=\"post-bottom-meta hide\">\n\t\t<strong rel=\"author\" itemprop=\"author\" class=\"author vcard\"><span class=\"fn\">adminpsib<\/span><\/strong>\n\t\t<time class=\"date published time\" datetime=\"2019-12-20T23:06:05+02:00\" itemprop=\"datePublished\" content=\"2019-12-20T23:06:05+02:00\">20\/12\/2019<\/time>\n\t\t<meta itemprop=\"dateModified\" class=\"date updated\" content=\"2020-01-08T12:26:01+02:00\">\n\t\t<span class=\"hide\" itemprop=\"publisher\" itemscope itemtype=\"https:\/\/schema.org\/Organization\">\n\t\t\t<meta itemprop=\"name\" content=\"SocialistesdMca\">\n\t\t\t<span itemprop=\"logo\" itemscope itemtype=\"https:\/\/schema.org\/ImageObject\">\n\t\t\t\t<meta itemprop=\"url\" content=\"https:\/\/www.psib-psoe.org\/mallorca\/wp-content\/themes\/notio-wp\/assets\/img\/logo.png\">\n\t\t\t<\/span>\n\t\t\t<meta itemprop=\"url\" content=\"https:\/\/www.psib-psoe.org\/mallorca\/\">\n\t\t<\/span>\n\t\t\t\t<span class=\"hide\" itemprop=\"image\" itemscope itemtype=\"http:\/\/schema.org\/ImageObject\">\n\t\t\t<meta itemprop=\"url\" content=\"https:\/\/www.psib-psoe.org\/mallorca\/wp-content\/uploads\/armengol-garrido-cladera-miralles-mulet-sopar-nadal-mallorca-2019.jpeg\">\n\t\t\t<meta itemprop=\"width\" content=\"1000\">\n\t\t\t<meta itemprop=\"height\" content=\"667\">\n\t\t<\/span>\n\t\t\t\t<meta itemscope itemprop=\"mainEntityOfPage\" itemtype=\"https:\/\/schema.org\/WebPage\" itemid=\"https:\/\/www.psib-psoe.org\/mallorca\/els-socialistes-de-mallorca-tanquen-un-any-historic-amb-un-sopar-multitudinari-amb-prop-de-mil-militants\/\">\n\t<\/aside>\n\t\t<\/article>\n<\/div>\n<div class=\"small-12 large-4 columns\">\n\t<article itemscope itemtype=\"http:\/\/schema.org\/Article\" class=\"post blog-style7 alt post-24514 type-post status-publish format-standard has-post-thumbnail hentry category-federacio-de-mallorca category-municipis category-portada\" role=\"article\">\n\t\t<figure class=\"post-gallery\"><img loading=\"lazy\" decoding=\"async\" width=\"600\" height=\"400\" src=\"https:\/\/www.psib-psoe.org\/mallorca\/wp-content\/uploads\/FAS-MG-Silvana-Projecte-Home-i-F-Vicente-Ferrer-600x400.jpg\" class=\"attachment-notio-general-x2 size-notio-general-x2 wp-post-image\" alt=\"\" srcset=\"https:\/\/www.psib-psoe.org\/mallorca\/wp-content\/uploads\/FAS-MG-Silvana-Projecte-Home-i-F-Vicente-Ferrer-600x400.jpg 600w, https:\/\/www.psib-psoe.org\/mallorca\/wp-content\/uploads\/FAS-MG-Silvana-Projecte-Home-i-F-Vicente-Ferrer-300x200.jpg 300w, https:\/\/www.psib-psoe.org\/mallorca\/wp-content\/uploads\/FAS-MG-Silvana-Projecte-Home-i-F-Vicente-Ferrer-900x600.jpg 900w, https:\/\/www.psib-psoe.org\/mallorca\/wp-content\/uploads\/FAS-MG-Silvana-Projecte-Home-i-F-Vicente-Ferrer-20x13.jpg 20w\" sizes=\"(max-width: 600px) 100vw, 600px\" \/><\/figure>\n\t\t<div class=\"blog-top\">\n\t\t\t<header class=\"post-title entry-header\">\n\t\t\t\t<aside class=\"post-meta cf\">\n\t\t19\/12\/2019 \/ <a href=\"https:\/\/www.psib-psoe.org\/mallorca\/category\/federacio-de-mallorca\/\" rel=\"category tag\">Federaci\u00f3 de Mallorca<\/a>, <a href=\"https:\/\/www.psib-psoe.org\/mallorca\/category\/municipis\/\" rel=\"category tag\">Municipis<\/a>, <a href=\"https:\/\/www.psib-psoe.org\/mallorca\/category\/portada\/\" rel=\"category tag\">Portada<\/a><\/aside>\n\t\t\t\t<h3 itemprop=\"headline\"><a href=\"https:\/\/www.psib-psoe.org\/mallorca\/els-socialistes-de-mallorca-celebren-dema-un-sopar-de-nadal-que-enguany-tendra-una-vessant-solidaria-a-benefici-de-projecte-home-i-la-fundacio-vicente-ferrer\/\" title=\"Els Socialistes de Mallorca celebren dem\u00e0 un sopar de Nadal que enguany tendr\u00e0 una vessant solid\u00e0ria a benefici de Projecte Home i la fundaci\u00f3 Vicente Ferrer\">Els Socialistes de Mallorca celebren dem\u00e0 un sopar de Nadal que enguany tendr\u00e0 una vessant solid\u00e0ria a benefici de Projecte Home i la fundaci\u00f3 Vicente Ferrer<\/a><\/h3>\n\t\t\t<\/header>\n\t\t<\/div>\n\t\t<div class=\"post-content\">\n\t\t\t<a href=\"https:\/\/www.psib-psoe.org\/mallorca\/els-socialistes-de-mallorca-celebren-dema-un-sopar-de-nadal-que-enguany-tendra-una-vessant-solidaria-a-benefici-de-projecte-home-i-la-fundacio-vicente-ferrer\/\" class=\"more-link\">Read More<\/a>\n\t\t<\/div>\n\t\t\t<aside class=\"post-bottom-meta hide\">\n\t\t<strong rel=\"author\" itemprop=\"author\" class=\"author vcard\"><span class=\"fn\">Marc<\/span><\/strong>\n\t\t<time class=\"date published time\" datetime=\"2019-12-19T14:00:28+02:00\" itemprop=\"datePublished\" content=\"2019-12-19T14:00:28+02:00\">19\/12\/2019<\/time>\n\t\t<meta itemprop=\"dateModified\" class=\"date updated\" content=\"2020-01-08T12:27:38+02:00\">\n\t\t<span class=\"hide\" itemprop=\"publisher\" itemscope itemtype=\"https:\/\/schema.org\/Organization\">\n\t\t\t<meta itemprop=\"name\" content=\"SocialistesdMca\">\n\t\t\t<span itemprop=\"logo\" itemscope itemtype=\"https:\/\/schema.org\/ImageObject\">\n\t\t\t\t<meta itemprop=\"url\" content=\"https:\/\/www.psib-psoe.org\/mallorca\/wp-content\/themes\/notio-wp\/assets\/img\/logo.png\">\n\t\t\t<\/span>\n\t\t\t<meta itemprop=\"url\" content=\"https:\/\/www.psib-psoe.org\/mallorca\/\">\n\t\t<\/span>\n\t\t\t\t<span class=\"hide\" itemprop=\"image\" itemscope itemtype=\"http:\/\/schema.org\/ImageObject\">\n\t\t\t<meta itemprop=\"url\" content=\"https:\/\/www.psib-psoe.org\/mallorca\/wp-content\/uploads\/FAS-MG-Silvana-Projecte-Home-i-F-Vicente-Ferrer.jpg\">\n\t\t\t<meta itemprop=\"width\" content=\"1000\">\n\t\t\t<meta itemprop=\"height\" content=\"750\">\n\t\t<\/span>\n\t\t\t\t<meta itemscope itemprop=\"mainEntityOfPage\" itemtype=\"https:\/\/schema.org\/WebPage\" itemid=\"https:\/\/www.psib-psoe.org\/mallorca\/els-socialistes-de-mallorca-celebren-dema-un-sopar-de-nadal-que-enguany-tendra-una-vessant-solidaria-a-benefici-de-projecte-home-i-la-fundacio-vicente-ferrer\/\">\n\t<\/aside>\n\t\t<\/article>\n<\/div>\n<div class=\"small-12 large-4 columns\">\n\t<article itemscope itemtype=\"http:\/\/schema.org\/Article\" class=\"post blog-style7 alt post-24506 type-post status-publish format-standard has-post-thumbnail hentry category-federacio-de-mallorca category-municipis category-portada\" role=\"article\">\n\t\t<figure class=\"post-gallery\"><img loading=\"lazy\" decoding=\"async\" width=\"600\" height=\"400\" src=\"https:\/\/www.psib-psoe.org\/mallorca\/wp-content\/uploads\/Debat-dactualitat-pol\u00edtica-organizat-per-lAgrupaci\u00f3-Socialista-Palma-Nord-600x400.jpg\" class=\"attachment-notio-general-x2 size-notio-general-x2 wp-post-image\" alt=\"\" srcset=\"https:\/\/www.psib-psoe.org\/mallorca\/wp-content\/uploads\/Debat-dactualitat-pol\u00edtica-organizat-per-lAgrupaci\u00f3-Socialista-Palma-Nord-600x400.jpg 600w, https:\/\/www.psib-psoe.org\/mallorca\/wp-content\/uploads\/Debat-dactualitat-pol\u00edtica-organizat-per-lAgrupaci\u00f3-Socialista-Palma-Nord-300x200.jpg 300w, https:\/\/www.psib-psoe.org\/mallorca\/wp-content\/uploads\/Debat-dactualitat-pol\u00edtica-organizat-per-lAgrupaci\u00f3-Socialista-Palma-Nord-20x13.jpg 20w, https:\/\/www.psib-psoe.org\/mallorca\/wp-content\/uploads\/Debat-dactualitat-pol\u00edtica-organizat-per-lAgrupaci\u00f3-Socialista-Palma-Nord-900x600.jpg 900w\" sizes=\"(max-width: 600px) 100vw, 600px\" \/><\/figure>\n\t\t<div class=\"blog-top\">\n\t\t\t<header class=\"post-title entry-header\">\n\t\t\t\t<aside class=\"post-meta cf\">\n\t\t13\/12\/2019 \/ <a href=\"https:\/\/www.psib-psoe.org\/mallorca\/category\/federacio-de-mallorca\/\" rel=\"category tag\">Federaci\u00f3 de Mallorca<\/a>, <a href=\"https:\/\/www.psib-psoe.org\/mallorca\/category\/municipis\/\" rel=\"category tag\">Municipis<\/a>, <a href=\"https:\/\/www.psib-psoe.org\/mallorca\/category\/portada\/\" rel=\"category tag\">Portada<\/a><\/aside>\n\t\t\t\t<h3 itemprop=\"headline\"><a href=\"https:\/\/www.psib-psoe.org\/mallorca\/els-socialistes-de-mallorca-defensen-que-la-millor-manera-de-combatre-la-ultradreta-es-amb-un-pacte-progressista-al-govern-despanya\/\" title=\"Els Socialistes de Mallorca defensen que la millor manera de combatre la ultradreta \u00e9s amb un pacte progressista al Govern d\u2019Espanya\">Els Socialistes de Mallorca defensen que la millor manera de combatre la ultradreta \u00e9s amb un pacte progressista al Govern d\u2019Espanya<\/a><\/h3>\n\t\t\t<\/header>\n\t\t<\/div>\n\t\t<div class=\"post-content\">\n\t\t\t<a href=\"https:\/\/www.psib-psoe.org\/mallorca\/els-socialistes-de-mallorca-defensen-que-la-millor-manera-de-combatre-la-ultradreta-es-amb-un-pacte-progressista-al-govern-despanya\/\" class=\"more-link\">Read More<\/a>\n\t\t<\/div>\n\t\t\t<aside class=\"post-bottom-meta hide\">\n\t\t<strong rel=\"author\" itemprop=\"author\" class=\"author vcard\"><span class=\"fn\">Albert<\/span><\/strong>\n\t\t<time class=\"date published time\" datetime=\"2019-12-13T12:54:47+02:00\" itemprop=\"datePublished\" content=\"2019-12-13T12:54:47+02:00\">13\/12\/2019<\/time>\n\t\t<meta itemprop=\"dateModified\" class=\"date updated\" content=\"2020-01-08T12:28:44+02:00\">\n\t\t<span class=\"hide\" itemprop=\"publisher\" itemscope itemtype=\"https:\/\/schema.org\/Organization\">\n\t\t\t<meta itemprop=\"name\" content=\"SocialistesdMca\">\n\t\t\t<span itemprop=\"logo\" itemscope itemtype=\"https:\/\/schema.org\/ImageObject\">\n\t\t\t\t<meta itemprop=\"url\" content=\"https:\/\/www.psib-psoe.org\/mallorca\/wp-content\/themes\/notio-wp\/assets\/img\/logo.png\">\n\t\t\t<\/span>\n\t\t\t<meta itemprop=\"url\" content=\"https:\/\/www.psib-psoe.org\/mallorca\/\">\n\t\t<\/span>\n\t\t\t\t<span class=\"hide\" itemprop=\"image\" itemscope itemtype=\"http:\/\/schema.org\/ImageObject\">\n\t\t\t<meta itemprop=\"url\" content=\"https:\/\/www.psib-psoe.org\/mallorca\/wp-content\/uploads\/Debat-dactualitat-pol\u00edtica-organizat-per-lAgrupaci\u00f3-Socialista-Palma-Nord.jpg\">\n\t\t\t<meta itemprop=\"width\" content=\"3630\">\n\t\t\t<meta itemprop=\"height\" content=\"2576\">\n\t\t<\/span>\n\t\t\t\t<meta itemscope itemprop=\"mainEntityOfPage\" itemtype=\"https:\/\/schema.org\/WebPage\" itemid=\"https:\/\/www.psib-psoe.org\/mallorca\/els-socialistes-de-mallorca-defensen-que-la-millor-manera-de-combatre-la-ultradreta-es-amb-un-pacte-progressista-al-govern-despanya\/\">\n\t<\/aside>\n\t\t<\/article>\n<\/div>\n<div class=\"small-12 large-4 columns\">\n\t<article itemscope itemtype=\"http:\/\/schema.org\/Article\" class=\"post blog-style7 alt post-24409 type-post status-publish format-standard has-post-thumbnail hentry category-federacio-de-mallorca category-municipis category-portada\" role=\"article\">\n\t\t<figure class=\"post-gallery\"><img loading=\"lazy\" decoding=\"async\" width=\"533\" height=\"400\" src=\"https:\/\/www.psib-psoe.org\/mallorca\/wp-content\/uploads\/190519_SesSalinesWEB.jpg\" class=\"attachment-notio-general-x2 size-notio-general-x2 wp-post-image\" alt=\"\" srcset=\"https:\/\/www.psib-psoe.org\/mallorca\/wp-content\/uploads\/190519_SesSalinesWEB.jpg 1000w, https:\/\/www.psib-psoe.org\/mallorca\/wp-content\/uploads\/190519_SesSalinesWEB-300x225.jpg 300w, https:\/\/www.psib-psoe.org\/mallorca\/wp-content\/uploads\/190519_SesSalinesWEB-768x576.jpg 768w, https:\/\/www.psib-psoe.org\/mallorca\/wp-content\/uploads\/190519_SesSalinesWEB-900x675.jpg 900w\" sizes=\"(max-width: 533px) 100vw, 533px\" \/><\/figure>\n\t\t<div class=\"blog-top\">\n\t\t\t<header class=\"post-title entry-header\">\n\t\t\t\t<aside class=\"post-meta cf\">\n\t\t11\/12\/2019 \/ <a href=\"https:\/\/www.psib-psoe.org\/mallorca\/category\/federacio-de-mallorca\/\" rel=\"category tag\">Federaci\u00f3 de Mallorca<\/a>, <a href=\"https:\/\/www.psib-psoe.org\/mallorca\/category\/municipis\/\" rel=\"category tag\">Municipis<\/a>, <a href=\"https:\/\/www.psib-psoe.org\/mallorca\/category\/portada\/\" rel=\"category tag\">Portada<\/a><\/aside>\n\t\t\t\t<h3 itemprop=\"headline\"><a href=\"https:\/\/www.psib-psoe.org\/mallorca\/el-psib-psoe-demana-a-biel-company-que-cessi-al-vocal-de-comerc-de-la-junta-de-districte-de-ses-salines-condemnat-per-violencia-i-posi-ordre-al-seu-partit\/\" title=\"El PSIB-PSOE demana a Biel Company que cessi al vocal de Comer\u00e7 de la Junta de Districte de Ses salines condemnat per viol\u00e8ncia i posi ordre al seu partit\">El PSIB-PSOE demana a Biel Company que cessi al vocal de Comer\u00e7 de la Junta de Districte de Ses salines condemnat per viol\u00e8ncia i posi ordre al seu partit<\/a><\/h3>\n\t\t\t<\/header>\n\t\t<\/div>\n\t\t<div class=\"post-content\">\n\t\t\t<a href=\"https:\/\/www.psib-psoe.org\/mallorca\/el-psib-psoe-demana-a-biel-company-que-cessi-al-vocal-de-comerc-de-la-junta-de-districte-de-ses-salines-condemnat-per-violencia-i-posi-ordre-al-seu-partit\/\" class=\"more-link\">Read More<\/a>\n\t\t<\/div>\n\t\t\t<aside class=\"post-bottom-meta hide\">\n\t\t<strong rel=\"author\" itemprop=\"author\" class=\"author vcard\"><span class=\"fn\">Marc<\/span><\/strong>\n\t\t<time class=\"date published time\" datetime=\"2019-12-11T15:00:08+02:00\" itemprop=\"datePublished\" content=\"2019-12-11T15:00:08+02:00\">11\/12\/2019<\/time>\n\t\t<meta itemprop=\"dateModified\" class=\"date updated\" content=\"2019-12-11T15:00:08+02:00\">\n\t\t<span class=\"hide\" itemprop=\"publisher\" itemscope itemtype=\"https:\/\/schema.org\/Organization\">\n\t\t\t<meta itemprop=\"name\" content=\"SocialistesdMca\">\n\t\t\t<span itemprop=\"logo\" itemscope itemtype=\"https:\/\/schema.org\/ImageObject\">\n\t\t\t\t<meta itemprop=\"url\" content=\"https:\/\/www.psib-psoe.org\/mallorca\/wp-content\/themes\/notio-wp\/assets\/img\/logo.png\">\n\t\t\t<\/span>\n\t\t\t<meta itemprop=\"url\" content=\"https:\/\/www.psib-psoe.org\/mallorca\/\">\n\t\t<\/span>\n\t\t\t\t<span class=\"hide\" itemprop=\"image\" itemscope itemtype=\"http:\/\/schema.org\/ImageObject\">\n\t\t\t<meta itemprop=\"url\" content=\"https:\/\/www.psib-psoe.org\/mallorca\/wp-content\/uploads\/190519_SesSalinesWEB.jpg\">\n\t\t\t<meta itemprop=\"width\" content=\"1000\">\n\t\t\t<meta itemprop=\"height\" content=\"750\">\n\t\t<\/span>\n\t\t\t\t<meta itemscope itemprop=\"mainEntityOfPage\" itemtype=\"https:\/\/schema.org\/WebPage\" itemid=\"https:\/\/www.psib-psoe.org\/mallorca\/el-psib-psoe-demana-a-biel-company-que-cessi-al-vocal-de-comerc-de-la-junta-de-districte-de-ses-salines-condemnat-per-violencia-i-posi-ordre-al-seu-partit\/\">\n\t<\/aside>\n\t\t<\/article>\n<\/div>\n<div class=\"small-12 large-4 columns\">\n\t<article itemscope itemtype=\"http:\/\/schema.org\/Article\" class=\"post blog-style7 alt post-24390 type-post status-publish format-standard has-post-thumbnail hentry category-federacio-de-mallorca category-municipis category-portada\" role=\"article\">\n\t\t<figure class=\"post-gallery\"><img loading=\"lazy\" decoding=\"async\" width=\"600\" height=\"400\" src=\"https:\/\/www.psib-psoe.org\/mallorca\/wp-content\/uploads\/2019-12-10-Foto-de-grup-de-lassemblea-dArt\u00e0-600x400.jpg\" class=\"attachment-notio-general-x2 size-notio-general-x2 wp-post-image\" alt=\"\" srcset=\"https:\/\/www.psib-psoe.org\/mallorca\/wp-content\/uploads\/2019-12-10-Foto-de-grup-de-lassemblea-dArt\u00e0-600x400.jpg 600w, https:\/\/www.psib-psoe.org\/mallorca\/wp-content\/uploads\/2019-12-10-Foto-de-grup-de-lassemblea-dArt\u00e0-300x200.jpg 300w, https:\/\/www.psib-psoe.org\/mallorca\/wp-content\/uploads\/2019-12-10-Foto-de-grup-de-lassemblea-dArt\u00e0-900x600.jpg 900w, https:\/\/www.psib-psoe.org\/mallorca\/wp-content\/uploads\/2019-12-10-Foto-de-grup-de-lassemblea-dArt\u00e0-20x13.jpg 20w\" sizes=\"(max-width: 600px) 100vw, 600px\" \/><\/figure>\n\t\t<div class=\"blog-top\">\n\t\t\t<header class=\"post-title entry-header\">\n\t\t\t\t<aside class=\"post-meta cf\">\n\t\t10\/12\/2019 \/ <a href=\"https:\/\/www.psib-psoe.org\/mallorca\/category\/federacio-de-mallorca\/\" rel=\"category tag\">Federaci\u00f3 de Mallorca<\/a>, <a href=\"https:\/\/www.psib-psoe.org\/mallorca\/category\/municipis\/\" rel=\"category tag\">Municipis<\/a>, <a href=\"https:\/\/www.psib-psoe.org\/mallorca\/category\/portada\/\" rel=\"category tag\">Portada<\/a><\/aside>\n\t\t\t\t<h3 itemprop=\"headline\"><a href=\"https:\/\/www.psib-psoe.org\/mallorca\/paula-ginard-nova-secretaria-general-dels-socialistes-darta\/\" title=\"Paula Ginard, nova secret\u00e0ria general dels Socialistes d&#8217;Art\u00e0\">Paula Ginard, nova secret\u00e0ria general dels Socialistes d&#8217;Art\u00e0<\/a><\/h3>\n\t\t\t<\/header>\n\t\t<\/div>\n\t\t<div class=\"post-content\">\n\t\t\t<a href=\"https:\/\/www.psib-psoe.org\/mallorca\/paula-ginard-nova-secretaria-general-dels-socialistes-darta\/\" class=\"more-link\">Read More<\/a>\n\t\t<\/div>\n\t\t\t<aside class=\"post-bottom-meta hide\">\n\t\t<strong rel=\"author\" itemprop=\"author\" class=\"author vcard\"><span class=\"fn\">Albert<\/span><\/strong>\n\t\t<time class=\"date published time\" datetime=\"2019-12-10T14:22:07+02:00\" itemprop=\"datePublished\" content=\"2019-12-10T14:22:07+02:00\">10\/12\/2019<\/time>\n\t\t<meta itemprop=\"dateModified\" class=\"date updated\" content=\"2020-01-08T12:30:29+02:00\">\n\t\t<span class=\"hide\" itemprop=\"publisher\" itemscope itemtype=\"https:\/\/schema.org\/Organization\">\n\t\t\t<meta itemprop=\"name\" content=\"SocialistesdMca\">\n\t\t\t<span itemprop=\"logo\" itemscope itemtype=\"https:\/\/schema.org\/ImageObject\">\n\t\t\t\t<meta itemprop=\"url\" content=\"https:\/\/www.psib-psoe.org\/mallorca\/wp-content\/themes\/notio-wp\/assets\/img\/logo.png\">\n\t\t\t<\/span>\n\t\t\t<meta itemprop=\"url\" content=\"https:\/\/www.psib-psoe.org\/mallorca\/\">\n\t\t<\/span>\n\t\t\t\t<span class=\"hide\" itemprop=\"image\" itemscope itemtype=\"http:\/\/schema.org\/ImageObject\">\n\t\t\t<meta itemprop=\"url\" content=\"https:\/\/www.psib-psoe.org\/mallorca\/wp-content\/uploads\/2019-12-10-Foto-de-grup-de-lassemblea-dArt\u00e0.jpg\">\n\t\t\t<meta itemprop=\"width\" content=\"2048\">\n\t\t\t<meta itemprop=\"height\" content=\"1536\">\n\t\t<\/span>\n\t\t\t\t<meta itemscope itemprop=\"mainEntityOfPage\" itemtype=\"https:\/\/schema.org\/WebPage\" itemid=\"https:\/\/www.psib-psoe.org\/mallorca\/paula-ginard-nova-secretaria-general-dels-socialistes-darta\/\">\n\t<\/aside>\n\t\t<\/article>\n<\/div>\n<div class=\"small-12 large-4 columns\">\n\t<article itemscope itemtype=\"http:\/\/schema.org\/Article\" class=\"post blog-style7 alt post-24355 type-post status-publish format-standard has-post-thumbnail hentry category-federacio-de-mallorca category-municipis category-portada\" role=\"article\">\n\t\t<figure class=\"post-gallery\"><img loading=\"lazy\" decoding=\"async\" width=\"600\" height=\"400\" src=\"https:\/\/www.psib-psoe.org\/mallorca\/wp-content\/uploads\/Jos\u00e9-Hila-Catalina-Cladera-Carmen-Orte-i-Mercedes-Garrido-600x400.jpg\" class=\"attachment-notio-general-x2 size-notio-general-x2 wp-post-image\" alt=\"\" srcset=\"https:\/\/www.psib-psoe.org\/mallorca\/wp-content\/uploads\/Jos\u00e9-Hila-Catalina-Cladera-Carmen-Orte-i-Mercedes-Garrido-600x400.jpg 600w, https:\/\/www.psib-psoe.org\/mallorca\/wp-content\/uploads\/Jos\u00e9-Hila-Catalina-Cladera-Carmen-Orte-i-Mercedes-Garrido-300x200.jpg 300w, https:\/\/www.psib-psoe.org\/mallorca\/wp-content\/uploads\/Jos\u00e9-Hila-Catalina-Cladera-Carmen-Orte-i-Mercedes-Garrido-900x600.jpg 900w, https:\/\/www.psib-psoe.org\/mallorca\/wp-content\/uploads\/Jos\u00e9-Hila-Catalina-Cladera-Carmen-Orte-i-Mercedes-Garrido-20x13.jpg 20w\" sizes=\"(max-width: 600px) 100vw, 600px\" \/><\/figure>\n\t\t<div class=\"blog-top\">\n\t\t\t<header class=\"post-title entry-header\">\n\t\t\t\t<aside class=\"post-meta cf\">\n\t\t06\/12\/2019 \/ <a href=\"https:\/\/www.psib-psoe.org\/mallorca\/category\/federacio-de-mallorca\/\" rel=\"category tag\">Federaci\u00f3 de Mallorca<\/a>, <a href=\"https:\/\/www.psib-psoe.org\/mallorca\/category\/municipis\/\" rel=\"category tag\">Municipis<\/a>, <a href=\"https:\/\/www.psib-psoe.org\/mallorca\/category\/portada\/\" rel=\"category tag\">Portada<\/a><\/aside>\n\t\t\t\t<h3 itemprop=\"headline\"><a href=\"https:\/\/www.psib-psoe.org\/mallorca\/el-psib-psoe-commemora-el-41-aniversari-de-la-constitucio-apostant-per-una-reforma-per-seguir-avancant-en-politiques-progressistes\/\" title=\"El PSIB-PSOE commemora el 41 aniversari de la Constituci\u00f3 apostant per una reforma per seguir avan\u00e7ant en pol\u00edtiques progressistes\">El PSIB-PSOE commemora el 41 aniversari de la Constituci\u00f3 apostant per una reforma per seguir avan\u00e7ant en pol\u00edtiques progressistes<\/a><\/h3>\n\t\t\t<\/header>\n\t\t<\/div>\n\t\t<div class=\"post-content\">\n\t\t\t<a href=\"https:\/\/www.psib-psoe.org\/mallorca\/el-psib-psoe-commemora-el-41-aniversari-de-la-constitucio-apostant-per-una-reforma-per-seguir-avancant-en-politiques-progressistes\/\" class=\"more-link\">Read More<\/a>\n\t\t<\/div>\n\t\t\t<aside class=\"post-bottom-meta hide\">\n\t\t<strong rel=\"author\" itemprop=\"author\" class=\"author vcard\"><span class=\"fn\">Albert<\/span><\/strong>\n\t\t<time class=\"date published time\" datetime=\"2019-12-06T11:58:32+02:00\" itemprop=\"datePublished\" content=\"2019-12-06T11:58:32+02:00\">06\/12\/2019<\/time>\n\t\t<meta itemprop=\"dateModified\" class=\"date updated\" content=\"2020-01-08T12:30:41+02:00\">\n\t\t<span class=\"hide\" itemprop=\"publisher\" itemscope itemtype=\"https:\/\/schema.org\/Organization\">\n\t\t\t<meta itemprop=\"name\" content=\"SocialistesdMca\">\n\t\t\t<span itemprop=\"logo\" itemscope itemtype=\"https:\/\/schema.org\/ImageObject\">\n\t\t\t\t<meta itemprop=\"url\" content=\"https:\/\/www.psib-psoe.org\/mallorca\/wp-content\/themes\/notio-wp\/assets\/img\/logo.png\">\n\t\t\t<\/span>\n\t\t\t<meta itemprop=\"url\" content=\"https:\/\/www.psib-psoe.org\/mallorca\/\">\n\t\t<\/span>\n\t\t\t\t<span class=\"hide\" itemprop=\"image\" itemscope itemtype=\"http:\/\/schema.org\/ImageObject\">\n\t\t\t<meta itemprop=\"url\" content=\"https:\/\/www.psib-psoe.org\/mallorca\/wp-content\/uploads\/Jos\u00e9-Hila-Catalina-Cladera-Carmen-Orte-i-Mercedes-Garrido.jpg\">\n\t\t\t<meta itemprop=\"width\" content=\"4032\">\n\t\t\t<meta itemprop=\"height\" content=\"3024\">\n\t\t<\/span>\n\t\t\t\t<meta itemscope itemprop=\"mainEntityOfPage\" itemtype=\"https:\/\/schema.org\/WebPage\" itemid=\"https:\/\/www.psib-psoe.org\/mallorca\/el-psib-psoe-commemora-el-41-aniversari-de-la-constitucio-apostant-per-una-reforma-per-seguir-avancant-en-politiques-progressistes\/\">\n\t<\/aside>\n\t\t<\/article>\n<\/div>\n<div class=\"small-12 large-4 columns\">\n\t<article itemscope itemtype=\"http:\/\/schema.org\/Article\" class=\"post blog-style7 alt post-24420 type-post status-publish format-standard has-post-thumbnail hentry category-federacio-de-mallorca category-municipis\" role=\"article\">\n\t\t<figure class=\"post-gallery\"><img loading=\"lazy\" decoding=\"async\" width=\"600\" height=\"400\" src=\"https:\/\/www.psib-psoe.org\/mallorca\/wp-content\/uploads\/25-novembre-dia-internacional-contra-la-violencia-cap-a-les-dones-600x400.jpg\" class=\"attachment-notio-general-x2 size-notio-general-x2 wp-post-image\" alt=\"\" srcset=\"https:\/\/www.psib-psoe.org\/mallorca\/wp-content\/uploads\/25-novembre-dia-internacional-contra-la-violencia-cap-a-les-dones-600x400.jpg 600w, https:\/\/www.psib-psoe.org\/mallorca\/wp-content\/uploads\/25-novembre-dia-internacional-contra-la-violencia-cap-a-les-dones-300x200.jpg 300w, https:\/\/www.psib-psoe.org\/mallorca\/wp-content\/uploads\/25-novembre-dia-internacional-contra-la-violencia-cap-a-les-dones-20x13.jpg 20w, https:\/\/www.psib-psoe.org\/mallorca\/wp-content\/uploads\/25-novembre-dia-internacional-contra-la-violencia-cap-a-les-dones-900x600.jpg 900w\" sizes=\"(max-width: 600px) 100vw, 600px\" \/><\/figure>\n\t\t<div class=\"blog-top\">\n\t\t\t<header class=\"post-title entry-header\">\n\t\t\t\t<aside class=\"post-meta cf\">\n\t\t24\/11\/2019 \/ <a href=\"https:\/\/www.psib-psoe.org\/mallorca\/category\/federacio-de-mallorca\/\" rel=\"category tag\">Federaci\u00f3 de Mallorca<\/a>, <a href=\"https:\/\/www.psib-psoe.org\/mallorca\/category\/municipis\/\" rel=\"category tag\">Municipis<\/a><\/aside>\n\t\t\t\t<h3 itemprop=\"headline\"><a href=\"https:\/\/www.psib-psoe.org\/mallorca\/el-psib-psoe-referma-el-seu-rebuig-mes-ferm-i-absolut-contra-tot-classe-de-violencia-cap-a-les-dones\/\" title=\"El PSIB-PSOE referma el seu rebuig m\u00e9s ferm i absolut contra tot classe de viol\u00e8ncia cap a les dones\">El PSIB-PSOE referma el seu rebuig m\u00e9s ferm i absolut contra tot classe de viol\u00e8ncia cap a les dones<\/a><\/h3>\n\t\t\t<\/header>\n\t\t<\/div>\n\t\t<div class=\"post-content\">\n\t\t\t<a href=\"https:\/\/www.psib-psoe.org\/mallorca\/el-psib-psoe-referma-el-seu-rebuig-mes-ferm-i-absolut-contra-tot-classe-de-violencia-cap-a-les-dones\/\" class=\"more-link\">Read More<\/a>\n\t\t<\/div>\n\t\t\t<aside class=\"post-bottom-meta hide\">\n\t\t<strong rel=\"author\" itemprop=\"author\" class=\"author vcard\"><span class=\"fn\">adminpsib<\/span><\/strong>\n\t\t<time class=\"date published time\" datetime=\"2019-11-24T11:39:37+02:00\" itemprop=\"datePublished\" content=\"2019-11-24T11:39:37+02:00\">24\/11\/2019<\/time>\n\t\t<meta itemprop=\"dateModified\" class=\"date updated\" content=\"2020-01-08T12:30:53+02:00\">\n\t\t<span class=\"hide\" itemprop=\"publisher\" itemscope itemtype=\"https:\/\/schema.org\/Organization\">\n\t\t\t<meta itemprop=\"name\" content=\"SocialistesdMca\">\n\t\t\t<span itemprop=\"logo\" itemscope itemtype=\"https:\/\/schema.org\/ImageObject\">\n\t\t\t\t<meta itemprop=\"url\" content=\"https:\/\/www.psib-psoe.org\/mallorca\/wp-content\/themes\/notio-wp\/assets\/img\/logo.png\">\n\t\t\t<\/span>\n\t\t\t<meta itemprop=\"url\" content=\"https:\/\/www.psib-psoe.org\/mallorca\/\">\n\t\t<\/span>\n\t\t\t\t<span class=\"hide\" itemprop=\"image\" itemscope itemtype=\"http:\/\/schema.org\/ImageObject\">\n\t\t\t<meta itemprop=\"url\" content=\"https:\/\/www.psib-psoe.org\/mallorca\/wp-content\/uploads\/25-novembre-dia-internacional-contra-la-violencia-cap-a-les-dones.jpg\">\n\t\t\t<meta itemprop=\"width\" content=\"1000\">\n\t\t\t<meta itemprop=\"height\" content=\"685\">\n\t\t<\/span>\n\t\t\t\t<meta itemscope itemprop=\"mainEntityOfPage\" itemtype=\"https:\/\/schema.org\/WebPage\" itemid=\"https:\/\/www.psib-psoe.org\/mallorca\/el-psib-psoe-referma-el-seu-rebuig-mes-ferm-i-absolut-contra-tot-classe-de-violencia-cap-a-les-dones\/\">\n\t<\/aside>\n\t\t<\/article>\n<\/div>\n<div class=\"small-12 large-4 columns\">\n\t<article itemscope itemtype=\"http:\/\/schema.org\/Article\" class=\"post blog-style7 alt post-24177 type-post status-publish format-standard has-post-thumbnail hentry category-consell-de-mallorca category-federacio-de-mallorca category-portada\" role=\"article\">\n\t\t<figure class=\"post-gallery\"><img loading=\"lazy\" decoding=\"async\" width=\"600\" height=\"400\" src=\"https:\/\/www.psib-psoe.org\/mallorca\/wp-content\/uploads\/Cladera-i-Colom-20-11-19-600x400.jpg\" class=\"attachment-notio-general-x2 size-notio-general-x2 wp-post-image\" alt=\"\" srcset=\"https:\/\/www.psib-psoe.org\/mallorca\/wp-content\/uploads\/Cladera-i-Colom-20-11-19-600x400.jpg 600w, https:\/\/www.psib-psoe.org\/mallorca\/wp-content\/uploads\/Cladera-i-Colom-20-11-19-300x200.jpg 300w, https:\/\/www.psib-psoe.org\/mallorca\/wp-content\/uploads\/Cladera-i-Colom-20-11-19-20x13.jpg 20w, https:\/\/www.psib-psoe.org\/mallorca\/wp-content\/uploads\/Cladera-i-Colom-20-11-19-900x600.jpg 900w\" sizes=\"(max-width: 600px) 100vw, 600px\" \/><\/figure>\n\t\t<div class=\"blog-top\">\n\t\t\t<header class=\"post-title entry-header\">\n\t\t\t\t<aside class=\"post-meta cf\">\n\t\t20\/11\/2019 \/ <a href=\"https:\/\/www.psib-psoe.org\/mallorca\/category\/consell-de-mallorca\/\" rel=\"category tag\">Consell de Mallorca<\/a>, <a href=\"https:\/\/www.psib-psoe.org\/mallorca\/category\/federacio-de-mallorca\/\" rel=\"category tag\">Federaci\u00f3 de Mallorca<\/a>, <a href=\"https:\/\/www.psib-psoe.org\/mallorca\/category\/portada\/\" rel=\"category tag\">Portada<\/a><\/aside>\n\t\t\t\t<h3 itemprop=\"headline\"><a href=\"https:\/\/www.psib-psoe.org\/mallorca\/catalina-cladera-defensa-uns-pressuposts-2020-per-a-una-mallorca-sostenible-social-ambiental-i-economicament\/\" title=\"Catalina Cladera defensa uns pressuposts 2020 per a una Mallorca sostenible social, ambiental i econ\u00f2micament\">Catalina Cladera defensa uns pressuposts 2020 per a una Mallorca sostenible social, ambiental i econ\u00f2micament<\/a><\/h3>\n\t\t\t<\/header>\n\t\t<\/div>\n\t\t<div class=\"post-content\">\n\t\t\t<a href=\"https:\/\/www.psib-psoe.org\/mallorca\/catalina-cladera-defensa-uns-pressuposts-2020-per-a-una-mallorca-sostenible-social-ambiental-i-economicament\/\" class=\"more-link\">Read More<\/a>\n\t\t<\/div>\n\t\t\t<aside class=\"post-bottom-meta hide\">\n\t\t<strong rel=\"author\" itemprop=\"author\" class=\"author vcard\"><span class=\"fn\">adminpsib<\/span><\/strong>\n\t\t<time class=\"date published time\" datetime=\"2019-11-20T19:18:42+02:00\" itemprop=\"datePublished\" content=\"2019-11-20T19:18:42+02:00\">20\/11\/2019<\/time>\n\t\t<meta itemprop=\"dateModified\" class=\"date updated\" content=\"2019-12-04T12:52:49+02:00\">\n\t\t<span class=\"hide\" itemprop=\"publisher\" itemscope itemtype=\"https:\/\/schema.org\/Organization\">\n\t\t\t<meta itemprop=\"name\" content=\"SocialistesdMca\">\n\t\t\t<span itemprop=\"logo\" itemscope itemtype=\"https:\/\/schema.org\/ImageObject\">\n\t\t\t\t<meta itemprop=\"url\" content=\"https:\/\/www.psib-psoe.org\/mallorca\/wp-content\/themes\/notio-wp\/assets\/img\/logo.png\">\n\t\t\t<\/span>\n\t\t\t<meta itemprop=\"url\" content=\"https:\/\/www.psib-psoe.org\/mallorca\/\">\n\t\t<\/span>\n\t\t\t\t<span class=\"hide\" itemprop=\"image\" itemscope itemtype=\"http:\/\/schema.org\/ImageObject\">\n\t\t\t<meta itemprop=\"url\" content=\"https:\/\/www.psib-psoe.org\/mallorca\/wp-content\/uploads\/Cladera-i-Colom-20-11-19.jpg\">\n\t\t\t<meta itemprop=\"width\" content=\"1000\">\n\t\t\t<meta itemprop=\"height\" content=\"649\">\n\t\t<\/span>\n\t\t\t\t<meta itemscope itemprop=\"mainEntityOfPage\" itemtype=\"https:\/\/schema.org\/WebPage\" itemid=\"https:\/\/www.psib-psoe.org\/mallorca\/catalina-cladera-defensa-uns-pressuposts-2020-per-a-una-mallorca-sostenible-social-ambiental-i-economicament\/\">\n\t<\/aside>\n\t\t<\/article>\n<\/div>\n<div class=\"small-12 large-4 columns\">\n\t<article itemscope itemtype=\"http:\/\/schema.org\/Article\" class=\"post blog-style7 alt post-24174 type-post status-publish format-standard has-post-thumbnail hentry category-federacio-de-mallorca category-portada\" role=\"article\">\n\t\t<figure class=\"post-gallery\"><img loading=\"lazy\" decoding=\"async\" width=\"600\" height=\"400\" src=\"https:\/\/www.psib-psoe.org\/mallorca\/wp-content\/uploads\/pons-bonet-moll-gonzalez-recollida-credencials-10-novembre-600x400.jpg\" class=\"attachment-notio-general-x2 size-notio-general-x2 wp-post-image\" alt=\"\" srcset=\"https:\/\/www.psib-psoe.org\/mallorca\/wp-content\/uploads\/pons-bonet-moll-gonzalez-recollida-credencials-10-novembre-600x400.jpg 600w, https:\/\/www.psib-psoe.org\/mallorca\/wp-content\/uploads\/pons-bonet-moll-gonzalez-recollida-credencials-10-novembre-300x200.jpg 300w, https:\/\/www.psib-psoe.org\/mallorca\/wp-content\/uploads\/pons-bonet-moll-gonzalez-recollida-credencials-10-novembre-900x600.jpg 900w, https:\/\/www.psib-psoe.org\/mallorca\/wp-content\/uploads\/pons-bonet-moll-gonzalez-recollida-credencials-10-novembre-20x13.jpg 20w\" sizes=\"(max-width: 600px) 100vw, 600px\" \/><\/figure>\n\t\t<div class=\"blog-top\">\n\t\t\t<header class=\"post-title entry-header\">\n\t\t\t\t<aside class=\"post-meta cf\">\n\t\t20\/11\/2019 \/ <a href=\"https:\/\/www.psib-psoe.org\/mallorca\/category\/federacio-de-mallorca\/\" rel=\"category tag\">Federaci\u00f3 de Mallorca<\/a>, <a href=\"https:\/\/www.psib-psoe.org\/mallorca\/category\/portada\/\" rel=\"category tag\">Portada<\/a><\/aside>\n\t\t\t\t<h3 itemprop=\"headline\"><a href=\"https:\/\/www.psib-psoe.org\/mallorca\/els-parlamentaris-electes-del-psib-psoe-reben-les-credencials-esperancats-amb-una-investidura-rapida-que-permeti-traslladar-a-espanya-el-full-de-ruta-progressista-de-balears\/\" title=\"Els parlamentaris electes del PSIB-PSOE reben les credencials \u201cesperan\u00e7ats amb una investidura r\u00e0pida\u201d que permeti traslladar a Espanya \u201cel full de ruta progressista de Balears\u201d\">Els parlamentaris electes del PSIB-PSOE reben les credencials \u201cesperan\u00e7ats amb una investidura r\u00e0pida\u201d que permeti traslladar a Espanya \u201cel full de ruta progressista de Balears\u201d<\/a><\/h3>\n\t\t\t<\/header>\n\t\t<\/div>\n\t\t<div class=\"post-content\">\n\t\t\t<a href=\"https:\/\/www.psib-psoe.org\/mallorca\/els-parlamentaris-electes-del-psib-psoe-reben-les-credencials-esperancats-amb-una-investidura-rapida-que-permeti-traslladar-a-espanya-el-full-de-ruta-progressista-de-balears\/\" class=\"more-link\">Read More<\/a>\n\t\t<\/div>\n\t\t\t<aside class=\"post-bottom-meta hide\">\n\t\t<strong rel=\"author\" itemprop=\"author\" class=\"author vcard\"><span class=\"fn\">adminpsib<\/span><\/strong>\n\t\t<time class=\"date published time\" datetime=\"2019-11-20T13:29:07+02:00\" itemprop=\"datePublished\" content=\"2019-11-20T13:29:07+02:00\">20\/11\/2019<\/time>\n\t\t<meta itemprop=\"dateModified\" class=\"date updated\" content=\"2019-12-20T12:02:29+02:00\">\n\t\t<span class=\"hide\" itemprop=\"publisher\" itemscope itemtype=\"https:\/\/schema.org\/Organization\">\n\t\t\t<meta itemprop=\"name\" content=\"SocialistesdMca\">\n\t\t\t<span itemprop=\"logo\" itemscope itemtype=\"https:\/\/schema.org\/ImageObject\">\n\t\t\t\t<meta itemprop=\"url\" content=\"https:\/\/www.psib-psoe.org\/mallorca\/wp-content\/themes\/notio-wp\/assets\/img\/logo.png\">\n\t\t\t<\/span>\n\t\t\t<meta itemprop=\"url\" content=\"https:\/\/www.psib-psoe.org\/mallorca\/\">\n\t\t<\/span>\n\t\t\t\t<span class=\"hide\" itemprop=\"image\" itemscope itemtype=\"http:\/\/schema.org\/ImageObject\">\n\t\t\t<meta itemprop=\"url\" content=\"https:\/\/www.psib-psoe.org\/mallorca\/wp-content\/uploads\/pons-bonet-moll-gonzalez-recollida-credencials-10-novembre.jpg\">\n\t\t\t<meta itemprop=\"width\" content=\"1000\">\n\t\t\t<meta itemprop=\"height\" content=\"750\">\n\t\t<\/span>\n\t\t\t\t<meta itemscope itemprop=\"mainEntityOfPage\" itemtype=\"https:\/\/schema.org\/WebPage\" itemid=\"https:\/\/www.psib-psoe.org\/mallorca\/els-parlamentaris-electes-del-psib-psoe-reben-les-credencials-esperancats-amb-una-investidura-rapida-que-permeti-traslladar-a-espanya-el-full-de-ruta-progressista-de-balears\/\">\n\t<\/aside>\n\t\t<\/article>\n<\/div>\n<div class=\"small-12 large-4 columns\">\n\t<article itemscope itemtype=\"http:\/\/schema.org\/Article\" class=\"post blog-style7 alt post-24417 type-post status-publish format-standard has-post-thumbnail hentry category-federacio-de-mallorca category-municipis\" role=\"article\">\n\t\t<figure class=\"post-gallery\"><img loading=\"lazy\" decoding=\"async\" width=\"600\" height=\"400\" src=\"https:\/\/www.psib-psoe.org\/mallorca\/wp-content\/uploads\/Fi-campany-10N-600x400.jpg\" class=\"attachment-notio-general-x2 size-notio-general-x2 wp-post-image\" alt=\"\" srcset=\"https:\/\/www.psib-psoe.org\/mallorca\/wp-content\/uploads\/Fi-campany-10N-600x400.jpg 600w, https:\/\/www.psib-psoe.org\/mallorca\/wp-content\/uploads\/Fi-campany-10N-300x200.jpg 300w, https:\/\/www.psib-psoe.org\/mallorca\/wp-content\/uploads\/Fi-campany-10N-20x13.jpg 20w, https:\/\/www.psib-psoe.org\/mallorca\/wp-content\/uploads\/Fi-campany-10N-900x600.jpg 900w\" sizes=\"(max-width: 600px) 100vw, 600px\" \/><\/figure>\n\t\t<div class=\"blog-top\">\n\t\t\t<header class=\"post-title entry-header\">\n\t\t\t\t<aside class=\"post-meta cf\">\n\t\t08\/11\/2019 \/ <a href=\"https:\/\/www.psib-psoe.org\/mallorca\/category\/federacio-de-mallorca\/\" rel=\"category tag\">Federaci\u00f3 de Mallorca<\/a>, <a href=\"https:\/\/www.psib-psoe.org\/mallorca\/category\/municipis\/\" rel=\"category tag\">Municipis<\/a><\/aside>\n\t\t\t\t<h3 itemprop=\"headline\"><a href=\"https:\/\/www.psib-psoe.org\/mallorca\/el-psib-psoe-tanca-la-campanya-davant-400-persones-convencut-que-diumenge-guanyarem-les-eleccions-a-balears-i-a-espanya-per-tercera-vegada\/\" title=\"El PSIB-PSOE tanca la campanya davant 400 persones conven\u00e7ut que \u201cdiumenge guanyarem les eleccions a Balears i a Espanya per tercera vegada\u201d\">El PSIB-PSOE tanca la campanya davant 400 persones conven\u00e7ut que \u201cdiumenge guanyarem les eleccions a Balears i a Espanya per tercera vegada\u201d<\/a><\/h3>\n\t\t\t<\/header>\n\t\t<\/div>\n\t\t<div class=\"post-content\">\n\t\t\t<a href=\"https:\/\/www.psib-psoe.org\/mallorca\/el-psib-psoe-tanca-la-campanya-davant-400-persones-convencut-que-diumenge-guanyarem-les-eleccions-a-balears-i-a-espanya-per-tercera-vegada\/\" class=\"more-link\">Read More<\/a>\n\t\t<\/div>\n\t\t\t<aside class=\"post-bottom-meta hide\">\n\t\t<strong rel=\"author\" itemprop=\"author\" class=\"author vcard\"><span class=\"fn\">adminpsib<\/span><\/strong>\n\t\t<time class=\"date published time\" datetime=\"2019-11-08T22:03:59+02:00\" itemprop=\"datePublished\" content=\"2019-11-08T22:03:59+02:00\">08\/11\/2019<\/time>\n\t\t<meta itemprop=\"dateModified\" class=\"date updated\" content=\"2019-12-12T13:30:40+02:00\">\n\t\t<span class=\"hide\" itemprop=\"publisher\" itemscope itemtype=\"https:\/\/schema.org\/Organization\">\n\t\t\t<meta itemprop=\"name\" content=\"SocialistesdMca\">\n\t\t\t<span itemprop=\"logo\" itemscope itemtype=\"https:\/\/schema.org\/ImageObject\">\n\t\t\t\t<meta itemprop=\"url\" content=\"https:\/\/www.psib-psoe.org\/mallorca\/wp-content\/themes\/notio-wp\/assets\/img\/logo.png\">\n\t\t\t<\/span>\n\t\t\t<meta itemprop=\"url\" content=\"https:\/\/www.psib-psoe.org\/mallorca\/\">\n\t\t<\/span>\n\t\t\t\t<span class=\"hide\" itemprop=\"image\" itemscope itemtype=\"http:\/\/schema.org\/ImageObject\">\n\t\t\t<meta itemprop=\"url\" content=\"https:\/\/www.psib-psoe.org\/mallorca\/wp-content\/uploads\/Fi-campany-10N.jpg\">\n\t\t\t<meta itemprop=\"width\" content=\"3994\">\n\t\t\t<meta itemprop=\"height\" content=\"2435\">\n\t\t<\/span>\n\t\t\t\t<meta itemscope itemprop=\"mainEntityOfPage\" itemtype=\"https:\/\/schema.org\/WebPage\" itemid=\"https:\/\/www.psib-psoe.org\/mallorca\/el-psib-psoe-tanca-la-campanya-davant-400-persones-convencut-que-diumenge-guanyarem-les-eleccions-a-balears-i-a-espanya-per-tercera-vegada\/\">\n\t<\/aside>\n\t\t<\/article>\n<\/div>\n<div class=\"small-12 large-4 columns\">\n\t<article itemscope itemtype=\"http:\/\/schema.org\/Article\" class=\"post blog-style7 alt post-24156 type-post status-publish format-standard has-post-thumbnail hentry category-federacio-de-mallorca\" role=\"article\">\n\t\t<figure class=\"post-gallery\"><img loading=\"lazy\" decoding=\"async\" width=\"600\" height=\"400\" src=\"https:\/\/www.psib-psoe.org\/mallorca\/wp-content\/uploads\/trobada-dones-eleccions-10-novembre-600x400.jpg\" class=\"attachment-notio-general-x2 size-notio-general-x2 wp-post-image\" alt=\"\" srcset=\"https:\/\/www.psib-psoe.org\/mallorca\/wp-content\/uploads\/trobada-dones-eleccions-10-novembre-600x400.jpg 600w, https:\/\/www.psib-psoe.org\/mallorca\/wp-content\/uploads\/trobada-dones-eleccions-10-novembre-300x200.jpg 300w, https:\/\/www.psib-psoe.org\/mallorca\/wp-content\/uploads\/trobada-dones-eleccions-10-novembre-900x600.jpg 900w, https:\/\/www.psib-psoe.org\/mallorca\/wp-content\/uploads\/trobada-dones-eleccions-10-novembre-20x13.jpg 20w\" sizes=\"(max-width: 600px) 100vw, 600px\" \/><\/figure>\n\t\t<div class=\"blog-top\">\n\t\t\t<header class=\"post-title entry-header\">\n\t\t\t\t<aside class=\"post-meta cf\">\n\t\t08\/11\/2019 \/ <a href=\"https:\/\/www.psib-psoe.org\/mallorca\/category\/federacio-de-mallorca\/\" rel=\"category tag\">Federaci\u00f3 de Mallorca<\/a><\/aside>\n\t\t\t\t<h3 itemprop=\"headline\"><a href=\"https:\/\/www.psib-psoe.org\/mallorca\/armengol-demana-el-vot-feminista-per-fer-front-als-que-volen-acabar-amb-la-igualtat-i-posen-en-dubte-la-violencia-masclista\/\" title=\"Armengol demana \u201cel vot feminista\u201d per fer front \u201cals que volen acabar amb la igualtat i posen en dubte la viol\u00e8ncia masclista\u201d\">Armengol demana \u201cel vot feminista\u201d per fer front \u201cals que volen acabar amb la igualtat i posen en dubte la viol\u00e8ncia masclista\u201d<\/a><\/h3>\n\t\t\t<\/header>\n\t\t<\/div>\n\t\t<div class=\"post-content\">\n\t\t\t<a href=\"https:\/\/www.psib-psoe.org\/mallorca\/armengol-demana-el-vot-feminista-per-fer-front-als-que-volen-acabar-amb-la-igualtat-i-posen-en-dubte-la-violencia-masclista\/\" class=\"more-link\">Read More<\/a>\n\t\t<\/div>\n\t\t\t<aside class=\"post-bottom-meta hide\">\n\t\t<strong rel=\"author\" itemprop=\"author\" class=\"author vcard\"><span class=\"fn\">adminpsib<\/span><\/strong>\n\t\t<time class=\"date published time\" datetime=\"2019-11-08T14:51:55+02:00\" itemprop=\"datePublished\" content=\"2019-11-08T14:51:55+02:00\">08\/11\/2019<\/time>\n\t\t<meta itemprop=\"dateModified\" class=\"date updated\" content=\"2019-12-04T13:03:25+02:00\">\n\t\t<span class=\"hide\" itemprop=\"publisher\" itemscope itemtype=\"https:\/\/schema.org\/Organization\">\n\t\t\t<meta itemprop=\"name\" content=\"SocialistesdMca\">\n\t\t\t<span itemprop=\"logo\" itemscope itemtype=\"https:\/\/schema.org\/ImageObject\">\n\t\t\t\t<meta itemprop=\"url\" content=\"https:\/\/www.psib-psoe.org\/mallorca\/wp-content\/themes\/notio-wp\/assets\/img\/logo.png\">\n\t\t\t<\/span>\n\t\t\t<meta itemprop=\"url\" content=\"https:\/\/www.psib-psoe.org\/mallorca\/\">\n\t\t<\/span>\n\t\t\t\t<span class=\"hide\" itemprop=\"image\" itemscope itemtype=\"http:\/\/schema.org\/ImageObject\">\n\t\t\t<meta itemprop=\"url\" content=\"https:\/\/www.psib-psoe.org\/mallorca\/wp-content\/uploads\/trobada-dones-eleccions-10-novembre.jpg\">\n\t\t\t<meta itemprop=\"width\" content=\"1000\">\n\t\t\t<meta itemprop=\"height\" content=\"750\">\n\t\t<\/span>\n\t\t\t\t<meta itemscope itemprop=\"mainEntityOfPage\" itemtype=\"https:\/\/schema.org\/WebPage\" itemid=\"https:\/\/www.psib-psoe.org\/mallorca\/armengol-demana-el-vot-feminista-per-fer-front-als-que-volen-acabar-amb-la-igualtat-i-posen-en-dubte-la-violencia-masclista\/\">\n\t<\/aside>\n\t\t<\/article>\n<\/div>\n<div class=\"small-12 large-4 columns\">\n\t<article itemscope itemtype=\"http:\/\/schema.org\/Article\" class=\"post blog-style7 alt post-24414 type-post status-publish format-standard has-post-thumbnail hentry category-federacio-de-mallorca category-municipis\" role=\"article\">\n\t\t<figure class=\"post-gallery\"><img loading=\"lazy\" decoding=\"async\" width=\"600\" height=\"400\" src=\"https:\/\/www.psib-psoe.org\/mallorca\/wp-content\/uploads\/armengol-pons-bonet-moll-ministra-ribera-7-novembre-2019-600x400.jpg\" class=\"attachment-notio-general-x2 size-notio-general-x2 wp-post-image\" alt=\"\" srcset=\"https:\/\/www.psib-psoe.org\/mallorca\/wp-content\/uploads\/armengol-pons-bonet-moll-ministra-ribera-7-novembre-2019-600x400.jpg 600w, https:\/\/www.psib-psoe.org\/mallorca\/wp-content\/uploads\/armengol-pons-bonet-moll-ministra-ribera-7-novembre-2019-300x200.jpg 300w, https:\/\/www.psib-psoe.org\/mallorca\/wp-content\/uploads\/armengol-pons-bonet-moll-ministra-ribera-7-novembre-2019-900x600.jpg 900w, https:\/\/www.psib-psoe.org\/mallorca\/wp-content\/uploads\/armengol-pons-bonet-moll-ministra-ribera-7-novembre-2019-20x13.jpg 20w\" sizes=\"(max-width: 600px) 100vw, 600px\" \/><\/figure>\n\t\t<div class=\"blog-top\">\n\t\t\t<header class=\"post-title entry-header\">\n\t\t\t\t<aside class=\"post-meta cf\">\n\t\t07\/11\/2019 \/ <a href=\"https:\/\/www.psib-psoe.org\/mallorca\/category\/federacio-de-mallorca\/\" rel=\"category tag\">Federaci\u00f3 de Mallorca<\/a>, <a href=\"https:\/\/www.psib-psoe.org\/mallorca\/category\/municipis\/\" rel=\"category tag\">Municipis<\/a><\/aside>\n\t\t\t\t<h3 itemprop=\"headline\"><a href=\"https:\/\/www.psib-psoe.org\/mallorca\/teresa-ribera-reivindica-els-valors-socialistes-per-construir-una-societat-en-la-qual-els-joves-se-sentin-identificats\/\" title=\"Teresa Ribera reivindica els \u201cvalors socialistes\u201d per construir \u201cuna societat en la qual els joves se sentin identificats\u201d\">Teresa Ribera reivindica els \u201cvalors socialistes\u201d per construir \u201cuna societat en la qual els joves se sentin identificats\u201d<\/a><\/h3>\n\t\t\t<\/header>\n\t\t<\/div>\n\t\t<div class=\"post-content\">\n\t\t\t<a href=\"https:\/\/www.psib-psoe.org\/mallorca\/teresa-ribera-reivindica-els-valors-socialistes-per-construir-una-societat-en-la-qual-els-joves-se-sentin-identificats\/\" class=\"more-link\">Read More<\/a>\n\t\t<\/div>\n\t\t\t<aside class=\"post-bottom-meta hide\">\n\t\t<strong rel=\"author\" itemprop=\"author\" class=\"author vcard\"><span class=\"fn\">adminpsib<\/span><\/strong>\n\t\t<time class=\"date published time\" datetime=\"2019-11-07T20:11:34+02:00\" itemprop=\"datePublished\" content=\"2019-11-07T20:11:34+02:00\">07\/11\/2019<\/time>\n\t\t<meta itemprop=\"dateModified\" class=\"date updated\" content=\"2019-12-12T13:34:30+02:00\">\n\t\t<span class=\"hide\" itemprop=\"publisher\" itemscope itemtype=\"https:\/\/schema.org\/Organization\">\n\t\t\t<meta itemprop=\"name\" content=\"SocialistesdMca\">\n\t\t\t<span itemprop=\"logo\" itemscope itemtype=\"https:\/\/schema.org\/ImageObject\">\n\t\t\t\t<meta itemprop=\"url\" content=\"https:\/\/www.psib-psoe.org\/mallorca\/wp-content\/themes\/notio-wp\/assets\/img\/logo.png\">\n\t\t\t<\/span>\n\t\t\t<meta itemprop=\"url\" content=\"https:\/\/www.psib-psoe.org\/mallorca\/\">\n\t\t<\/span>\n\t\t\t\t<span class=\"hide\" itemprop=\"image\" itemscope itemtype=\"http:\/\/schema.org\/ImageObject\">\n\t\t\t<meta itemprop=\"url\" content=\"https:\/\/www.psib-psoe.org\/mallorca\/wp-content\/uploads\/armengol-pons-bonet-moll-ministra-ribera-7-novembre-2019.jpg\">\n\t\t\t<meta itemprop=\"width\" content=\"1000\">\n\t\t\t<meta itemprop=\"height\" content=\"750\">\n\t\t<\/span>\n\t\t\t\t<meta itemscope itemprop=\"mainEntityOfPage\" itemtype=\"https:\/\/schema.org\/WebPage\" itemid=\"https:\/\/www.psib-psoe.org\/mallorca\/teresa-ribera-reivindica-els-valors-socialistes-per-construir-una-societat-en-la-qual-els-joves-se-sentin-identificats\/\">\n\t<\/aside>\n\t\t<\/article>\n<\/div>\n<div class=\"small-12 large-4 columns\">\n\t<article itemscope itemtype=\"http:\/\/schema.org\/Article\" class=\"post blog-style7 alt post-24153 type-post status-publish format-standard has-post-thumbnail hentry category-federacio-de-mallorca\" role=\"article\">\n\t\t<figure class=\"post-gallery\"><img loading=\"lazy\" decoding=\"async\" width=\"600\" height=\"400\" src=\"https:\/\/www.psib-psoe.org\/mallorca\/wp-content\/uploads\/propostes-canvi-climatic-1-600x400.jpg\" class=\"attachment-notio-general-x2 size-notio-general-x2 wp-post-image\" alt=\"\" srcset=\"https:\/\/www.psib-psoe.org\/mallorca\/wp-content\/uploads\/propostes-canvi-climatic-1-600x400.jpg 600w, https:\/\/www.psib-psoe.org\/mallorca\/wp-content\/uploads\/propostes-canvi-climatic-1-300x200.jpg 300w, https:\/\/www.psib-psoe.org\/mallorca\/wp-content\/uploads\/propostes-canvi-climatic-1-900x600.jpg 900w, https:\/\/www.psib-psoe.org\/mallorca\/wp-content\/uploads\/propostes-canvi-climatic-1-20x13.jpg 20w\" sizes=\"(max-width: 600px) 100vw, 600px\" \/><\/figure>\n\t\t<div class=\"blog-top\">\n\t\t\t<header class=\"post-title entry-header\">\n\t\t\t\t<aside class=\"post-meta cf\">\n\t\t07\/11\/2019 \/ <a href=\"https:\/\/www.psib-psoe.org\/mallorca\/category\/federacio-de-mallorca\/\" rel=\"category tag\">Federaci\u00f3 de Mallorca<\/a><\/aside>\n\t\t\t\t<h3 itemprop=\"headline\"><a href=\"https:\/\/www.psib-psoe.org\/mallorca\/el-psib-psoe-es-compromet-amb-una-llei-de-canvi-climatic-i-una-llei-de-plastics-dun-sol-us-dambit-estatal-per-assolir-lobjectiu-zero-residus-el-2050\/\" title=\"El PSIB-PSOE es compromet amb una llei de canvi clim\u00e0tic i una llei de pl\u00e0stics d\u2019un sol \u00fas d\u2019\u00e0mbit estatal per assolir l\u2019objectiu \u201czero residus\u201d el 2050\">El PSIB-PSOE es compromet amb una llei de canvi clim\u00e0tic i una llei de pl\u00e0stics d\u2019un sol \u00fas d\u2019\u00e0mbit estatal per assolir l\u2019objectiu \u201czero residus\u201d el 2050<\/a><\/h3>\n\t\t\t<\/header>\n\t\t<\/div>\n\t\t<div class=\"post-content\">\n\t\t\t<a href=\"https:\/\/www.psib-psoe.org\/mallorca\/el-psib-psoe-es-compromet-amb-una-llei-de-canvi-climatic-i-una-llei-de-plastics-dun-sol-us-dambit-estatal-per-assolir-lobjectiu-zero-residus-el-2050\/\" class=\"more-link\">Read More<\/a>\n\t\t<\/div>\n\t\t\t<aside class=\"post-bottom-meta hide\">\n\t\t<strong rel=\"author\" itemprop=\"author\" class=\"author vcard\"><span class=\"fn\">adminpsib<\/span><\/strong>\n\t\t<time class=\"date published time\" datetime=\"2019-11-07T14:14:31+02:00\" itemprop=\"datePublished\" content=\"2019-11-07T14:14:31+02:00\">07\/11\/2019<\/time>\n\t\t<meta itemprop=\"dateModified\" class=\"date updated\" content=\"2019-12-04T13:04:03+02:00\">\n\t\t<span class=\"hide\" itemprop=\"publisher\" itemscope itemtype=\"https:\/\/schema.org\/Organization\">\n\t\t\t<meta itemprop=\"name\" content=\"SocialistesdMca\">\n\t\t\t<span itemprop=\"logo\" itemscope itemtype=\"https:\/\/schema.org\/ImageObject\">\n\t\t\t\t<meta itemprop=\"url\" content=\"https:\/\/www.psib-psoe.org\/mallorca\/wp-content\/themes\/notio-wp\/assets\/img\/logo.png\">\n\t\t\t<\/span>\n\t\t\t<meta itemprop=\"url\" content=\"https:\/\/www.psib-psoe.org\/mallorca\/\">\n\t\t<\/span>\n\t\t\t\t<span class=\"hide\" itemprop=\"image\" itemscope itemtype=\"http:\/\/schema.org\/ImageObject\">\n\t\t\t<meta itemprop=\"url\" content=\"https:\/\/www.psib-psoe.org\/mallorca\/wp-content\/uploads\/propostes-canvi-climatic-1.jpg\">\n\t\t\t<meta itemprop=\"width\" content=\"1000\">\n\t\t\t<meta itemprop=\"height\" content=\"750\">\n\t\t<\/span>\n\t\t\t\t<meta itemscope itemprop=\"mainEntityOfPage\" itemtype=\"https:\/\/schema.org\/WebPage\" itemid=\"https:\/\/www.psib-psoe.org\/mallorca\/el-psib-psoe-es-compromet-amb-una-llei-de-canvi-climatic-i-una-llei-de-plastics-dun-sol-us-dambit-estatal-per-assolir-lobjectiu-zero-residus-el-2050\/\">\n\t<\/aside>\n\t\t<\/article>\n<\/div>\n<div class=\"small-12 large-4 columns\">\n\t<article itemscope itemtype=\"http:\/\/schema.org\/Article\" class=\"post blog-style7 alt post-24150 type-post status-publish format-standard has-post-thumbnail hentry category-federacio-de-mallorca category-municipis\" role=\"article\">\n\t\t<figure class=\"post-gallery\"><img loading=\"lazy\" decoding=\"async\" width=\"600\" height=\"400\" src=\"https:\/\/www.psib-psoe.org\/mallorca\/wp-content\/uploads\/armengol-cladera-garrido-pons-moll-bonet-hinojosa-manacor-novembre-2019-600x400.jpg\" class=\"attachment-notio-general-x2 size-notio-general-x2 wp-post-image\" alt=\"\" srcset=\"https:\/\/www.psib-psoe.org\/mallorca\/wp-content\/uploads\/armengol-cladera-garrido-pons-moll-bonet-hinojosa-manacor-novembre-2019-600x400.jpg 600w, https:\/\/www.psib-psoe.org\/mallorca\/wp-content\/uploads\/armengol-cladera-garrido-pons-moll-bonet-hinojosa-manacor-novembre-2019-300x200.jpg 300w, https:\/\/www.psib-psoe.org\/mallorca\/wp-content\/uploads\/armengol-cladera-garrido-pons-moll-bonet-hinojosa-manacor-novembre-2019-900x600.jpg 900w, https:\/\/www.psib-psoe.org\/mallorca\/wp-content\/uploads\/armengol-cladera-garrido-pons-moll-bonet-hinojosa-manacor-novembre-2019-20x13.jpg 20w\" sizes=\"(max-width: 600px) 100vw, 600px\" \/><\/figure>\n\t\t<div class=\"blog-top\">\n\t\t\t<header class=\"post-title entry-header\">\n\t\t\t\t<aside class=\"post-meta cf\">\n\t\t06\/11\/2019 \/ <a href=\"https:\/\/www.psib-psoe.org\/mallorca\/category\/federacio-de-mallorca\/\" rel=\"category tag\">Federaci\u00f3 de Mallorca<\/a>, <a href=\"https:\/\/www.psib-psoe.org\/mallorca\/category\/municipis\/\" rel=\"category tag\">Municipis<\/a><\/aside>\n\t\t\t\t<h3 itemprop=\"headline\"><a href=\"https:\/\/www.psib-psoe.org\/mallorca\/armengol-apella-a-votar-amb-el-cor-i-amb-el-cap-el-10-de-novembre-per-fer-possible-un-govern-serios-i-responsable\/\" title=\"Armengol apel\u00b7la a \u201cvotar amb el cor i amb el cap\u201d el 10 de novembre per fer possible un \u201cgovern seri\u00f3s i responsable\u201d\">Armengol apel\u00b7la a \u201cvotar amb el cor i amb el cap\u201d el 10 de novembre per fer possible un \u201cgovern seri\u00f3s i responsable\u201d<\/a><\/h3>\n\t\t\t<\/header>\n\t\t<\/div>\n\t\t<div class=\"post-content\">\n\t\t\t<a href=\"https:\/\/www.psib-psoe.org\/mallorca\/armengol-apella-a-votar-amb-el-cor-i-amb-el-cap-el-10-de-novembre-per-fer-possible-un-govern-serios-i-responsable\/\" class=\"more-link\">Read More<\/a>\n\t\t<\/div>\n\t\t\t<aside class=\"post-bottom-meta hide\">\n\t\t<strong rel=\"author\" itemprop=\"author\" class=\"author vcard\"><span class=\"fn\">adminpsib<\/span><\/strong>\n\t\t<time class=\"date published time\" datetime=\"2019-11-06T23:10:09+02:00\" itemprop=\"datePublished\" content=\"2019-11-06T23:10:09+02:00\">06\/11\/2019<\/time>\n\t\t<meta itemprop=\"dateModified\" class=\"date updated\" content=\"2020-01-08T14:25:12+02:00\">\n\t\t<span class=\"hide\" itemprop=\"publisher\" itemscope itemtype=\"https:\/\/schema.org\/Organization\">\n\t\t\t<meta itemprop=\"name\" content=\"SocialistesdMca\">\n\t\t\t<span itemprop=\"logo\" itemscope itemtype=\"https:\/\/schema.org\/ImageObject\">\n\t\t\t\t<meta itemprop=\"url\" content=\"https:\/\/www.psib-psoe.org\/mallorca\/wp-content\/themes\/notio-wp\/assets\/img\/logo.png\">\n\t\t\t<\/span>\n\t\t\t<meta itemprop=\"url\" content=\"https:\/\/www.psib-psoe.org\/mallorca\/\">\n\t\t<\/span>\n\t\t\t\t<span class=\"hide\" itemprop=\"image\" itemscope itemtype=\"http:\/\/schema.org\/ImageObject\">\n\t\t\t<meta itemprop=\"url\" content=\"https:\/\/www.psib-psoe.org\/mallorca\/wp-content\/uploads\/armengol-cladera-garrido-pons-moll-bonet-hinojosa-manacor-novembre-2019.jpg\">\n\t\t\t<meta itemprop=\"width\" content=\"1000\">\n\t\t\t<meta itemprop=\"height\" content=\"750\">\n\t\t<\/span>\n\t\t\t\t<meta itemscope itemprop=\"mainEntityOfPage\" itemtype=\"https:\/\/schema.org\/WebPage\" itemid=\"https:\/\/www.psib-psoe.org\/mallorca\/armengol-apella-a-votar-amb-el-cor-i-amb-el-cap-el-10-de-novembre-per-fer-possible-un-govern-serios-i-responsable\/\">\n\t<\/aside>\n\t\t<\/article>\n<\/div>\n<div class=\"small-12 large-4 columns\">\n\t<article itemscope itemtype=\"http:\/\/schema.org\/Article\" class=\"post blog-style7 alt post-24147 type-post status-publish format-standard has-post-thumbnail hentry category-federacio-de-mallorca\" role=\"article\">\n\t\t<figure class=\"post-gallery\"><img loading=\"lazy\" decoding=\"async\" width=\"600\" height=\"400\" src=\"https:\/\/www.psib-psoe.org\/mallorca\/wp-content\/uploads\/pere-joan-pons-cosme-bonet-susanna-moll-propostes-ocupacio-eleccions-10-novembre-600x400.jpg\" class=\"attachment-notio-general-x2 size-notio-general-x2 wp-post-image\" alt=\"\" srcset=\"https:\/\/www.psib-psoe.org\/mallorca\/wp-content\/uploads\/pere-joan-pons-cosme-bonet-susanna-moll-propostes-ocupacio-eleccions-10-novembre-600x400.jpg 600w, https:\/\/www.psib-psoe.org\/mallorca\/wp-content\/uploads\/pere-joan-pons-cosme-bonet-susanna-moll-propostes-ocupacio-eleccions-10-novembre-300x200.jpg 300w, https:\/\/www.psib-psoe.org\/mallorca\/wp-content\/uploads\/pere-joan-pons-cosme-bonet-susanna-moll-propostes-ocupacio-eleccions-10-novembre-900x600.jpg 900w, https:\/\/www.psib-psoe.org\/mallorca\/wp-content\/uploads\/pere-joan-pons-cosme-bonet-susanna-moll-propostes-ocupacio-eleccions-10-novembre-20x13.jpg 20w\" sizes=\"(max-width: 600px) 100vw, 600px\" \/><\/figure>\n\t\t<div class=\"blog-top\">\n\t\t\t<header class=\"post-title entry-header\">\n\t\t\t\t<aside class=\"post-meta cf\">\n\t\t06\/11\/2019 \/ <a href=\"https:\/\/www.psib-psoe.org\/mallorca\/category\/federacio-de-mallorca\/\" rel=\"category tag\">Federaci\u00f3 de Mallorca<\/a><\/aside>\n\t\t\t\t<h3 itemprop=\"headline\"><a href=\"https:\/\/www.psib-psoe.org\/mallorca\/el-psib-psoe-es-compromet-a-tornar-a-apujar-el-salari-minim-i-aprovar-un-nou-estatut-dels-treballadors\/\" title=\"El PSIB-PSOE es compromet a tornar a apujar el salari m\u00ednim i aprovar un nou Estatut dels Treballadors\">El PSIB-PSOE es compromet a tornar a apujar el salari m\u00ednim i aprovar un nou Estatut dels Treballadors<\/a><\/h3>\n\t\t\t<\/header>\n\t\t<\/div>\n\t\t<div class=\"post-content\">\n\t\t\t<a href=\"https:\/\/www.psib-psoe.org\/mallorca\/el-psib-psoe-es-compromet-a-tornar-a-apujar-el-salari-minim-i-aprovar-un-nou-estatut-dels-treballadors\/\" class=\"more-link\">Read More<\/a>\n\t\t<\/div>\n\t\t\t<aside class=\"post-bottom-meta hide\">\n\t\t<strong rel=\"author\" itemprop=\"author\" class=\"author vcard\"><span class=\"fn\">adminpsib<\/span><\/strong>\n\t\t<time class=\"date published time\" datetime=\"2019-11-06T13:15:30+02:00\" itemprop=\"datePublished\" content=\"2019-11-06T13:15:30+02:00\">06\/11\/2019<\/time>\n\t\t<meta itemprop=\"dateModified\" class=\"date updated\" content=\"2019-12-04T13:07:28+02:00\">\n\t\t<span class=\"hide\" itemprop=\"publisher\" itemscope itemtype=\"https:\/\/schema.org\/Organization\">\n\t\t\t<meta itemprop=\"name\" content=\"SocialistesdMca\">\n\t\t\t<span itemprop=\"logo\" itemscope itemtype=\"https:\/\/schema.org\/ImageObject\">\n\t\t\t\t<meta itemprop=\"url\" content=\"https:\/\/www.psib-psoe.org\/mallorca\/wp-content\/themes\/notio-wp\/assets\/img\/logo.png\">\n\t\t\t<\/span>\n\t\t\t<meta itemprop=\"url\" content=\"https:\/\/www.psib-psoe.org\/mallorca\/\">\n\t\t<\/span>\n\t\t\t\t<span class=\"hide\" itemprop=\"image\" itemscope itemtype=\"http:\/\/schema.org\/ImageObject\">\n\t\t\t<meta itemprop=\"url\" content=\"https:\/\/www.psib-psoe.org\/mallorca\/wp-content\/uploads\/pere-joan-pons-cosme-bonet-susanna-moll-propostes-ocupacio-eleccions-10-novembre.jpg\">\n\t\t\t<meta itemprop=\"width\" content=\"1000\">\n\t\t\t<meta itemprop=\"height\" content=\"750\">\n\t\t<\/span>\n\t\t\t\t<meta itemscope itemprop=\"mainEntityOfPage\" itemtype=\"https:\/\/schema.org\/WebPage\" itemid=\"https:\/\/www.psib-psoe.org\/mallorca\/el-psib-psoe-es-compromet-a-tornar-a-apujar-el-salari-minim-i-aprovar-un-nou-estatut-dels-treballadors\/\">\n\t<\/aside>\n\t\t<\/article>\n<\/div>\n<div class=\"small-12 large-4 columns\">\n\t<article itemscope itemtype=\"http:\/\/schema.org\/Article\" class=\"post blog-style7 alt post-24144 type-post status-publish format-standard has-post-thumbnail hentry category-federacio-de-mallorca\" role=\"article\">\n\t\t<figure class=\"post-gallery\"><img loading=\"lazy\" decoding=\"async\" width=\"600\" height=\"400\" src=\"https:\/\/www.psib-psoe.org\/mallorca\/wp-content\/uploads\/Bonet-Moll-i-March-acte-educaci\u00f3-10N-600x400.jpg\" class=\"attachment-notio-general-x2 size-notio-general-x2 wp-post-image\" alt=\"\" srcset=\"https:\/\/www.psib-psoe.org\/mallorca\/wp-content\/uploads\/Bonet-Moll-i-March-acte-educaci\u00f3-10N-600x400.jpg 600w, https:\/\/www.psib-psoe.org\/mallorca\/wp-content\/uploads\/Bonet-Moll-i-March-acte-educaci\u00f3-10N-300x200.jpg 300w, https:\/\/www.psib-psoe.org\/mallorca\/wp-content\/uploads\/Bonet-Moll-i-March-acte-educaci\u00f3-10N-900x600.jpg 900w, https:\/\/www.psib-psoe.org\/mallorca\/wp-content\/uploads\/Bonet-Moll-i-March-acte-educaci\u00f3-10N-20x13.jpg 20w\" sizes=\"(max-width: 600px) 100vw, 600px\" \/><\/figure>\n\t\t<div class=\"blog-top\">\n\t\t\t<header class=\"post-title entry-header\">\n\t\t\t\t<aside class=\"post-meta cf\">\n\t\t05\/11\/2019 \/ <a href=\"https:\/\/www.psib-psoe.org\/mallorca\/category\/federacio-de-mallorca\/\" rel=\"category tag\">Federaci\u00f3 de Mallorca<\/a><\/aside>\n\t\t\t\t<h3 itemprop=\"headline\"><a href=\"https:\/\/www.psib-psoe.org\/mallorca\/el-psib-psoe-aposta-per-mes-recursos-economics-dialeg-i-noves-normatives-que-superin-la-lomce-per-a-millorar-leducacio-a-espanya-i-balears\/\" title=\"El PSIB-PSOE aposta per m\u00e9s recursos econ\u00f2mics, di\u00e0leg i noves normatives que superin la LOMCE per a millorar l\u2019educaci\u00f3 a Espanya i Balears\">El PSIB-PSOE aposta per m\u00e9s recursos econ\u00f2mics, di\u00e0leg i noves normatives que superin la LOMCE per a millorar l\u2019educaci\u00f3 a Espanya i Balears<\/a><\/h3>\n\t\t\t<\/header>\n\t\t<\/div>\n\t\t<div class=\"post-content\">\n\t\t\t<a href=\"https:\/\/www.psib-psoe.org\/mallorca\/el-psib-psoe-aposta-per-mes-recursos-economics-dialeg-i-noves-normatives-que-superin-la-lomce-per-a-millorar-leducacio-a-espanya-i-balears\/\" class=\"more-link\">Read More<\/a>\n\t\t<\/div>\n\t\t\t<aside class=\"post-bottom-meta hide\">\n\t\t<strong rel=\"author\" itemprop=\"author\" class=\"author vcard\"><span class=\"fn\">adminpsib<\/span><\/strong>\n\t\t<time class=\"date published time\" datetime=\"2019-11-05T19:22:12+02:00\" itemprop=\"datePublished\" content=\"2019-11-05T19:22:12+02:00\">05\/11\/2019<\/time>\n\t\t<meta itemprop=\"dateModified\" class=\"date updated\" content=\"2019-12-04T13:07:46+02:00\">\n\t\t<span class=\"hide\" itemprop=\"publisher\" itemscope itemtype=\"https:\/\/schema.org\/Organization\">\n\t\t\t<meta itemprop=\"name\" content=\"SocialistesdMca\">\n\t\t\t<span itemprop=\"logo\" itemscope itemtype=\"https:\/\/schema.org\/ImageObject\">\n\t\t\t\t<meta itemprop=\"url\" content=\"https:\/\/www.psib-psoe.org\/mallorca\/wp-content\/themes\/notio-wp\/assets\/img\/logo.png\">\n\t\t\t<\/span>\n\t\t\t<meta itemprop=\"url\" content=\"https:\/\/www.psib-psoe.org\/mallorca\/\">\n\t\t<\/span>\n\t\t\t\t<span class=\"hide\" itemprop=\"image\" itemscope itemtype=\"http:\/\/schema.org\/ImageObject\">\n\t\t\t<meta itemprop=\"url\" content=\"https:\/\/www.psib-psoe.org\/mallorca\/wp-content\/uploads\/Bonet-Moll-i-March-acte-educaci\u00f3-10N.jpg\">\n\t\t\t<meta itemprop=\"width\" content=\"1000\">\n\t\t\t<meta itemprop=\"height\" content=\"750\">\n\t\t<\/span>\n\t\t\t\t<meta itemscope itemprop=\"mainEntityOfPage\" itemtype=\"https:\/\/schema.org\/WebPage\" itemid=\"https:\/\/www.psib-psoe.org\/mallorca\/el-psib-psoe-aposta-per-mes-recursos-economics-dialeg-i-noves-normatives-que-superin-la-lomce-per-a-millorar-leducacio-a-espanya-i-balears\/\">\n\t<\/aside>\n\t\t<\/article>\n<\/div>\n<div class=\"small-12 large-4 columns\">\n\t<article itemscope itemtype=\"http:\/\/schema.org\/Article\" class=\"post blog-style7 alt post-24170 type-post status-publish format-standard has-post-thumbnail hentry category-federacio-de-mallorca\" role=\"article\">\n\t\t<figure class=\"post-gallery\"><img loading=\"lazy\" decoding=\"async\" width=\"600\" height=\"400\" src=\"https:\/\/www.psib-psoe.org\/mallorca\/wp-content\/uploads\/pj-cb-i-sm-educaci\u00f3-600x400.jpg\" class=\"attachment-notio-general-x2 size-notio-general-x2 wp-post-image\" alt=\"\" srcset=\"https:\/\/www.psib-psoe.org\/mallorca\/wp-content\/uploads\/pj-cb-i-sm-educaci\u00f3-600x400.jpg 600w, https:\/\/www.psib-psoe.org\/mallorca\/wp-content\/uploads\/pj-cb-i-sm-educaci\u00f3-300x200.jpg 300w, https:\/\/www.psib-psoe.org\/mallorca\/wp-content\/uploads\/pj-cb-i-sm-educaci\u00f3-900x600.jpg 900w, https:\/\/www.psib-psoe.org\/mallorca\/wp-content\/uploads\/pj-cb-i-sm-educaci\u00f3-20x13.jpg 20w\" sizes=\"(max-width: 600px) 100vw, 600px\" \/><\/figure>\n\t\t<div class=\"blog-top\">\n\t\t\t<header class=\"post-title entry-header\">\n\t\t\t\t<aside class=\"post-meta cf\">\n\t\t05\/11\/2019 \/ <a href=\"https:\/\/www.psib-psoe.org\/mallorca\/category\/federacio-de-mallorca\/\" rel=\"category tag\">Federaci\u00f3 de Mallorca<\/a><\/aside>\n\t\t\t\t<h3 itemprop=\"headline\"><a href=\"https:\/\/www.psib-psoe.org\/mallorca\/el-psib-psoe-proposa-una-nova-llei-educativa-arribar-al-5-del-pib-en-inversio-per-a-educacio-i-fer-gratuita-letapa-de-0-a-3-anys\/\" title=\"El PSIB-PSOE proposa una nova Llei Educativa, arribar al 5% del PIB en inversi\u00f3 per a educaci\u00f3 i fer gratu\u00efta l\u2019etapa de 0 a 3 anys\">El PSIB-PSOE proposa una nova Llei Educativa, arribar al 5% del PIB en inversi\u00f3 per a educaci\u00f3 i fer gratu\u00efta l\u2019etapa de 0 a 3 anys<\/a><\/h3>\n\t\t\t<\/header>\n\t\t<\/div>\n\t\t<div class=\"post-content\">\n\t\t\t<a href=\"https:\/\/www.psib-psoe.org\/mallorca\/el-psib-psoe-proposa-una-nova-llei-educativa-arribar-al-5-del-pib-en-inversio-per-a-educacio-i-fer-gratuita-letapa-de-0-a-3-anys\/\" class=\"more-link\">Read More<\/a>\n\t\t<\/div>\n\t\t\t<aside class=\"post-bottom-meta hide\">\n\t\t<strong rel=\"author\" itemprop=\"author\" class=\"author vcard\"><span class=\"fn\">adminpsib<\/span><\/strong>\n\t\t<time class=\"date published time\" datetime=\"2019-11-05T12:58:37+02:00\" itemprop=\"datePublished\" content=\"2019-11-05T12:58:37+02:00\">05\/11\/2019<\/time>\n\t\t<meta itemprop=\"dateModified\" class=\"date updated\" content=\"2019-12-04T13:08:04+02:00\">\n\t\t<span class=\"hide\" itemprop=\"publisher\" itemscope itemtype=\"https:\/\/schema.org\/Organization\">\n\t\t\t<meta itemprop=\"name\" content=\"SocialistesdMca\">\n\t\t\t<span itemprop=\"logo\" itemscope itemtype=\"https:\/\/schema.org\/ImageObject\">\n\t\t\t\t<meta itemprop=\"url\" content=\"https:\/\/www.psib-psoe.org\/mallorca\/wp-content\/themes\/notio-wp\/assets\/img\/logo.png\">\n\t\t\t<\/span>\n\t\t\t<meta itemprop=\"url\" content=\"https:\/\/www.psib-psoe.org\/mallorca\/\">\n\t\t<\/span>\n\t\t\t\t<span class=\"hide\" itemprop=\"image\" itemscope itemtype=\"http:\/\/schema.org\/ImageObject\">\n\t\t\t<meta itemprop=\"url\" content=\"https:\/\/www.psib-psoe.org\/mallorca\/wp-content\/uploads\/pj-cb-i-sm-educaci\u00f3.jpg\">\n\t\t\t<meta itemprop=\"width\" content=\"1000\">\n\t\t\t<meta itemprop=\"height\" content=\"750\">\n\t\t<\/span>\n\t\t\t\t<meta itemscope itemprop=\"mainEntityOfPage\" itemtype=\"https:\/\/schema.org\/WebPage\" itemid=\"https:\/\/www.psib-psoe.org\/mallorca\/el-psib-psoe-proposa-una-nova-llei-educativa-arribar-al-5-del-pib-en-inversio-per-a-educacio-i-fer-gratuita-letapa-de-0-a-3-anys\/\">\n\t<\/aside>\n\t\t<\/article>\n<\/div>\n<div class=\"small-12 large-4 columns\">\n\t<article itemscope itemtype=\"http:\/\/schema.org\/Article\" class=\"post blog-style7 alt post-24141 type-post status-publish format-standard has-post-thumbnail hentry category-federacio-de-mallorca\" role=\"article\">\n\t\t<figure class=\"post-gallery\"><img loading=\"lazy\" decoding=\"async\" width=\"600\" height=\"400\" src=\"https:\/\/www.psib-psoe.org\/mallorca\/wp-content\/uploads\/bonet-moll-gomez-acte-salut-novembre-2019-600x400.jpg\" class=\"attachment-notio-general-x2 size-notio-general-x2 wp-post-image\" alt=\"\" srcset=\"https:\/\/www.psib-psoe.org\/mallorca\/wp-content\/uploads\/bonet-moll-gomez-acte-salut-novembre-2019-600x400.jpg 600w, https:\/\/www.psib-psoe.org\/mallorca\/wp-content\/uploads\/bonet-moll-gomez-acte-salut-novembre-2019-300x200.jpg 300w, https:\/\/www.psib-psoe.org\/mallorca\/wp-content\/uploads\/bonet-moll-gomez-acte-salut-novembre-2019-900x600.jpg 900w, https:\/\/www.psib-psoe.org\/mallorca\/wp-content\/uploads\/bonet-moll-gomez-acte-salut-novembre-2019-20x13.jpg 20w\" sizes=\"(max-width: 600px) 100vw, 600px\" \/><\/figure>\n\t\t<div class=\"blog-top\">\n\t\t\t<header class=\"post-title entry-header\">\n\t\t\t\t<aside class=\"post-meta cf\">\n\t\t04\/11\/2019 \/ <a href=\"https:\/\/www.psib-psoe.org\/mallorca\/category\/federacio-de-mallorca\/\" rel=\"category tag\">Federaci\u00f3 de Mallorca<\/a><\/aside>\n\t\t\t\t<h3 itemprop=\"headline\"><a href=\"https:\/\/www.psib-psoe.org\/mallorca\/bonet-ressalta-la-importancia-de-votar-el-proxim-diumenge-per-defensar-una-sanitat-publica-universal-accessible-i-de-qualitat\/\" title=\"Bonet ressalta la import\u00e0ncia de votar el pr\u00f2xim diumenge per \u201cdefensar una sanitat p\u00fablica universal, accessible i de qualitat\u201d\">Bonet ressalta la import\u00e0ncia de votar el pr\u00f2xim diumenge per \u201cdefensar una sanitat p\u00fablica universal, accessible i de qualitat\u201d<\/a><\/h3>\n\t\t\t<\/header>\n\t\t<\/div>\n\t\t<div class=\"post-content\">\n\t\t\t<a href=\"https:\/\/www.psib-psoe.org\/mallorca\/bonet-ressalta-la-importancia-de-votar-el-proxim-diumenge-per-defensar-una-sanitat-publica-universal-accessible-i-de-qualitat\/\" class=\"more-link\">Read More<\/a>\n\t\t<\/div>\n\t\t\t<aside class=\"post-bottom-meta hide\">\n\t\t<strong rel=\"author\" itemprop=\"author\" class=\"author vcard\"><span class=\"fn\">adminpsib<\/span><\/strong>\n\t\t<time class=\"date published time\" datetime=\"2019-11-04T19:56:05+02:00\" itemprop=\"datePublished\" content=\"2019-11-04T19:56:05+02:00\">04\/11\/2019<\/time>\n\t\t<meta itemprop=\"dateModified\" class=\"date updated\" content=\"2019-12-04T13:08:21+02:00\">\n\t\t<span class=\"hide\" itemprop=\"publisher\" itemscope itemtype=\"https:\/\/schema.org\/Organization\">\n\t\t\t<meta itemprop=\"name\" content=\"SocialistesdMca\">\n\t\t\t<span itemprop=\"logo\" itemscope itemtype=\"https:\/\/schema.org\/ImageObject\">\n\t\t\t\t<meta itemprop=\"url\" content=\"https:\/\/www.psib-psoe.org\/mallorca\/wp-content\/themes\/notio-wp\/assets\/img\/logo.png\">\n\t\t\t<\/span>\n\t\t\t<meta itemprop=\"url\" content=\"https:\/\/www.psib-psoe.org\/mallorca\/\">\n\t\t<\/span>\n\t\t\t\t<span class=\"hide\" itemprop=\"image\" itemscope itemtype=\"http:\/\/schema.org\/ImageObject\">\n\t\t\t<meta itemprop=\"url\" content=\"https:\/\/www.psib-psoe.org\/mallorca\/wp-content\/uploads\/bonet-moll-gomez-acte-salut-novembre-2019.jpg\">\n\t\t\t<meta itemprop=\"width\" content=\"1000\">\n\t\t\t<meta itemprop=\"height\" content=\"750\">\n\t\t<\/span>\n\t\t\t\t<meta itemscope itemprop=\"mainEntityOfPage\" itemtype=\"https:\/\/schema.org\/WebPage\" itemid=\"https:\/\/www.psib-psoe.org\/mallorca\/bonet-ressalta-la-importancia-de-votar-el-proxim-diumenge-per-defensar-una-sanitat-publica-universal-accessible-i-de-qualitat\/\">\n\t<\/aside>\n\t\t<\/article>\n<\/div>\n<div class=\"small-12 large-4 columns\">\n\t<article itemscope itemtype=\"http:\/\/schema.org\/Article\" class=\"post blog-style7 alt post-24138 type-post status-publish format-standard has-post-thumbnail hentry category-federacio-de-mallorca\" role=\"article\">\n\t\t<figure class=\"post-gallery\"><img loading=\"lazy\" decoding=\"async\" width=\"600\" height=\"400\" src=\"https:\/\/www.psib-psoe.org\/mallorca\/wp-content\/uploads\/pons-bonet-moll-propostes-gent-gran-10-novembre-600x400.jpg\" class=\"attachment-notio-general-x2 size-notio-general-x2 wp-post-image\" alt=\"\" srcset=\"https:\/\/www.psib-psoe.org\/mallorca\/wp-content\/uploads\/pons-bonet-moll-propostes-gent-gran-10-novembre-600x400.jpg 600w, https:\/\/www.psib-psoe.org\/mallorca\/wp-content\/uploads\/pons-bonet-moll-propostes-gent-gran-10-novembre-300x200.jpg 300w, https:\/\/www.psib-psoe.org\/mallorca\/wp-content\/uploads\/pons-bonet-moll-propostes-gent-gran-10-novembre-900x600.jpg 900w, https:\/\/www.psib-psoe.org\/mallorca\/wp-content\/uploads\/pons-bonet-moll-propostes-gent-gran-10-novembre-20x13.jpg 20w\" sizes=\"(max-width: 600px) 100vw, 600px\" \/><\/figure>\n\t\t<div class=\"blog-top\">\n\t\t\t<header class=\"post-title entry-header\">\n\t\t\t\t<aside class=\"post-meta cf\">\n\t\t04\/11\/2019 \/ <a href=\"https:\/\/www.psib-psoe.org\/mallorca\/category\/federacio-de-mallorca\/\" rel=\"category tag\">Federaci\u00f3 de Mallorca<\/a><\/aside>\n\t\t\t\t<h3 itemprop=\"headline\"><a href=\"https:\/\/www.psib-psoe.org\/mallorca\/el-psib-psoe-es-compromet-a-blindar-constitucionalment-el-sistema-public-de-pensions\/\" title=\"El PSIB-PSOE es compromet a blindar constitucionalment el sistema p\u00fablic de pensions\">El PSIB-PSOE es compromet a blindar constitucionalment el sistema p\u00fablic de pensions<\/a><\/h3>\n\t\t\t<\/header>\n\t\t<\/div>\n\t\t<div class=\"post-content\">\n\t\t\t<a href=\"https:\/\/www.psib-psoe.org\/mallorca\/el-psib-psoe-es-compromet-a-blindar-constitucionalment-el-sistema-public-de-pensions\/\" class=\"more-link\">Read More<\/a>\n\t\t<\/div>\n\t\t\t<aside class=\"post-bottom-meta hide\">\n\t\t<strong rel=\"author\" itemprop=\"author\" class=\"author vcard\"><span class=\"fn\">adminpsib<\/span><\/strong>\n\t\t<time class=\"date published time\" datetime=\"2019-11-04T13:21:30+02:00\" itemprop=\"datePublished\" content=\"2019-11-04T13:21:30+02:00\">04\/11\/2019<\/time>\n\t\t<meta itemprop=\"dateModified\" class=\"date updated\" content=\"2019-12-04T13:08:51+02:00\">\n\t\t<span class=\"hide\" itemprop=\"publisher\" itemscope itemtype=\"https:\/\/schema.org\/Organization\">\n\t\t\t<meta itemprop=\"name\" content=\"SocialistesdMca\">\n\t\t\t<span itemprop=\"logo\" itemscope itemtype=\"https:\/\/schema.org\/ImageObject\">\n\t\t\t\t<meta itemprop=\"url\" content=\"https:\/\/www.psib-psoe.org\/mallorca\/wp-content\/themes\/notio-wp\/assets\/img\/logo.png\">\n\t\t\t<\/span>\n\t\t\t<meta itemprop=\"url\" content=\"https:\/\/www.psib-psoe.org\/mallorca\/\">\n\t\t<\/span>\n\t\t\t\t<span class=\"hide\" itemprop=\"image\" itemscope itemtype=\"http:\/\/schema.org\/ImageObject\">\n\t\t\t<meta itemprop=\"url\" content=\"https:\/\/www.psib-psoe.org\/mallorca\/wp-content\/uploads\/pons-bonet-moll-propostes-gent-gran-10-novembre.jpg\">\n\t\t\t<meta itemprop=\"width\" content=\"1000\">\n\t\t\t<meta itemprop=\"height\" content=\"750\">\n\t\t<\/span>\n\t\t\t\t<meta itemscope itemprop=\"mainEntityOfPage\" itemtype=\"https:\/\/schema.org\/WebPage\" itemid=\"https:\/\/www.psib-psoe.org\/mallorca\/el-psib-psoe-es-compromet-a-blindar-constitucionalment-el-sistema-public-de-pensions\/\">\n\t<\/aside>\n\t\t<\/article>\n<\/div>\n<div class=\"small-12 large-4 columns\">\n\t<article itemscope itemtype=\"http:\/\/schema.org\/Article\" class=\"post blog-style7 alt post-24135 type-post status-publish format-standard has-post-thumbnail hentry category-federacio-de-mallorca category-municipis\" role=\"article\">\n\t\t<figure class=\"post-gallery\"><img loading=\"lazy\" decoding=\"async\" width=\"600\" height=\"400\" src=\"https:\/\/www.psib-psoe.org\/mallorca\/wp-content\/uploads\/pons-bonet-moll-garrido-dinar-lloseta-10-novembre-600x400.jpg\" class=\"attachment-notio-general-x2 size-notio-general-x2 wp-post-image\" alt=\"\" srcset=\"https:\/\/www.psib-psoe.org\/mallorca\/wp-content\/uploads\/pons-bonet-moll-garrido-dinar-lloseta-10-novembre-600x400.jpg 600w, https:\/\/www.psib-psoe.org\/mallorca\/wp-content\/uploads\/pons-bonet-moll-garrido-dinar-lloseta-10-novembre-300x200.jpg 300w, https:\/\/www.psib-psoe.org\/mallorca\/wp-content\/uploads\/pons-bonet-moll-garrido-dinar-lloseta-10-novembre-900x600.jpg 900w, https:\/\/www.psib-psoe.org\/mallorca\/wp-content\/uploads\/pons-bonet-moll-garrido-dinar-lloseta-10-novembre-20x13.jpg 20w\" sizes=\"(max-width: 600px) 100vw, 600px\" \/><\/figure>\n\t\t<div class=\"blog-top\">\n\t\t\t<header class=\"post-title entry-header\">\n\t\t\t\t<aside class=\"post-meta cf\">\n\t\t03\/11\/2019 \/ <a href=\"https:\/\/www.psib-psoe.org\/mallorca\/category\/federacio-de-mallorca\/\" rel=\"category tag\">Federaci\u00f3 de Mallorca<\/a>, <a href=\"https:\/\/www.psib-psoe.org\/mallorca\/category\/municipis\/\" rel=\"category tag\">Municipis<\/a><\/aside>\n\t\t\t\t<h3 itemprop=\"headline\"><a href=\"https:\/\/www.psib-psoe.org\/mallorca\/pons-demanam-la-concentracio-del-vot-en-el-partit-socialista-perque-som-lunica-opcio-de-progres-amb-un-full-de-ruta-clar\/\" title=\"Pons: \u201cDemanam la concentraci\u00f3 del vot en el Partit Socialista perqu\u00e8 som l\u2019\u00fanica opci\u00f3 de progr\u00e9s amb un full de ruta clar\u201d\">Pons: \u201cDemanam la concentraci\u00f3 del vot en el Partit Socialista perqu\u00e8 som l\u2019\u00fanica opci\u00f3 de progr\u00e9s amb un full de ruta clar\u201d<\/a><\/h3>\n\t\t\t<\/header>\n\t\t<\/div>\n\t\t<div class=\"post-content\">\n\t\t\t<a href=\"https:\/\/www.psib-psoe.org\/mallorca\/pons-demanam-la-concentracio-del-vot-en-el-partit-socialista-perque-som-lunica-opcio-de-progres-amb-un-full-de-ruta-clar\/\" class=\"more-link\">Read More<\/a>\n\t\t<\/div>\n\t\t\t<aside class=\"post-bottom-meta hide\">\n\t\t<strong rel=\"author\" itemprop=\"author\" class=\"author vcard\"><span class=\"fn\">adminpsib<\/span><\/strong>\n\t\t<time class=\"date published time\" datetime=\"2019-11-03T16:10:47+02:00\" itemprop=\"datePublished\" content=\"2019-11-03T16:10:47+02:00\">03\/11\/2019<\/time>\n\t\t<meta itemprop=\"dateModified\" class=\"date updated\" content=\"2020-01-08T14:25:42+02:00\">\n\t\t<span class=\"hide\" itemprop=\"publisher\" itemscope itemtype=\"https:\/\/schema.org\/Organization\">\n\t\t\t<meta itemprop=\"name\" content=\"SocialistesdMca\">\n\t\t\t<span itemprop=\"logo\" itemscope itemtype=\"https:\/\/schema.org\/ImageObject\">\n\t\t\t\t<meta itemprop=\"url\" content=\"https:\/\/www.psib-psoe.org\/mallorca\/wp-content\/themes\/notio-wp\/assets\/img\/logo.png\">\n\t\t\t<\/span>\n\t\t\t<meta itemprop=\"url\" content=\"https:\/\/www.psib-psoe.org\/mallorca\/\">\n\t\t<\/span>\n\t\t\t\t<span class=\"hide\" itemprop=\"image\" itemscope itemtype=\"http:\/\/schema.org\/ImageObject\">\n\t\t\t<meta itemprop=\"url\" content=\"https:\/\/www.psib-psoe.org\/mallorca\/wp-content\/uploads\/pons-bonet-moll-garrido-dinar-lloseta-10-novembre.jpg\">\n\t\t\t<meta itemprop=\"width\" content=\"1000\">\n\t\t\t<meta itemprop=\"height\" content=\"750\">\n\t\t<\/span>\n\t\t\t\t<meta itemscope itemprop=\"mainEntityOfPage\" itemtype=\"https:\/\/schema.org\/WebPage\" itemid=\"https:\/\/www.psib-psoe.org\/mallorca\/pons-demanam-la-concentracio-del-vot-en-el-partit-socialista-perque-som-lunica-opcio-de-progres-amb-un-full-de-ruta-clar\/\">\n\t<\/aside>\n\t\t<\/article>\n<\/div>\n<div class=\"small-12 large-4 columns\">\n\t<article itemscope itemtype=\"http:\/\/schema.org\/Article\" class=\"post blog-style7 alt post-24426 type-post status-publish format-standard has-post-thumbnail hentry category-federacio-de-mallorca category-municipis\" role=\"article\">\n\t\t<figure class=\"post-gallery\"><img loading=\"lazy\" decoding=\"async\" width=\"600\" height=\"400\" src=\"https:\/\/www.psib-psoe.org\/mallorca\/wp-content\/uploads\/Fira-Marratx\u00ed-600x400.jpg\" class=\"attachment-notio-general-x2 size-notio-general-x2 wp-post-image\" alt=\"\" srcset=\"https:\/\/www.psib-psoe.org\/mallorca\/wp-content\/uploads\/Fira-Marratx\u00ed-600x400.jpg 600w, https:\/\/www.psib-psoe.org\/mallorca\/wp-content\/uploads\/Fira-Marratx\u00ed-300x200.jpg 300w, https:\/\/www.psib-psoe.org\/mallorca\/wp-content\/uploads\/Fira-Marratx\u00ed-900x600.jpg 900w, https:\/\/www.psib-psoe.org\/mallorca\/wp-content\/uploads\/Fira-Marratx\u00ed-20x13.jpg 20w\" sizes=\"(max-width: 600px) 100vw, 600px\" \/><\/figure>\n\t\t<div class=\"blog-top\">\n\t\t\t<header class=\"post-title entry-header\">\n\t\t\t\t<aside class=\"post-meta cf\">\n\t\t03\/11\/2019 \/ <a href=\"https:\/\/www.psib-psoe.org\/mallorca\/category\/federacio-de-mallorca\/\" rel=\"category tag\">Federaci\u00f3 de Mallorca<\/a>, <a href=\"https:\/\/www.psib-psoe.org\/mallorca\/category\/municipis\/\" rel=\"category tag\">Municipis<\/a><\/aside>\n\t\t\t\t<h3 itemprop=\"headline\"><a href=\"https:\/\/www.psib-psoe.org\/mallorca\/pere-joan-pons-aposta-per-una-llei-dhabitatge-estatal-per-mes-habitatge-public-i-per-dedicar-a-lloguer-social-els-habitatges-buits-dels-grans-tenidors\/\" title=\"Pere Joan Pons aposta per una Llei d\u2019Habitatge estatal, per m\u00e9s habitatge p\u00fablic i per dedicar a lloguer social els habitatges buits dels grans tenidors\">Pere Joan Pons aposta per una Llei d\u2019Habitatge estatal, per m\u00e9s habitatge p\u00fablic i per dedicar a lloguer social els habitatges buits dels grans tenidors<\/a><\/h3>\n\t\t\t<\/header>\n\t\t<\/div>\n\t\t<div class=\"post-content\">\n\t\t\t<a href=\"https:\/\/www.psib-psoe.org\/mallorca\/pere-joan-pons-aposta-per-una-llei-dhabitatge-estatal-per-mes-habitatge-public-i-per-dedicar-a-lloguer-social-els-habitatges-buits-dels-grans-tenidors\/\" class=\"more-link\">Read More<\/a>\n\t\t<\/div>\n\t\t\t<aside class=\"post-bottom-meta hide\">\n\t\t<strong rel=\"author\" itemprop=\"author\" class=\"author vcard\"><span class=\"fn\">adminpsib<\/span><\/strong>\n\t\t<time class=\"date published time\" datetime=\"2019-11-03T15:30:49+02:00\" itemprop=\"datePublished\" content=\"2019-11-03T15:30:49+02:00\">03\/11\/2019<\/time>\n\t\t<meta itemprop=\"dateModified\" class=\"date updated\" content=\"2019-12-12T14:00:52+02:00\">\n\t\t<span class=\"hide\" itemprop=\"publisher\" itemscope itemtype=\"https:\/\/schema.org\/Organization\">\n\t\t\t<meta itemprop=\"name\" content=\"SocialistesdMca\">\n\t\t\t<span itemprop=\"logo\" itemscope itemtype=\"https:\/\/schema.org\/ImageObject\">\n\t\t\t\t<meta itemprop=\"url\" content=\"https:\/\/www.psib-psoe.org\/mallorca\/wp-content\/themes\/notio-wp\/assets\/img\/logo.png\">\n\t\t\t<\/span>\n\t\t\t<meta itemprop=\"url\" content=\"https:\/\/www.psib-psoe.org\/mallorca\/\">\n\t\t<\/span>\n\t\t\t\t<span class=\"hide\" itemprop=\"image\" itemscope itemtype=\"http:\/\/schema.org\/ImageObject\">\n\t\t\t<meta itemprop=\"url\" content=\"https:\/\/www.psib-psoe.org\/mallorca\/wp-content\/uploads\/Fira-Marratx\u00ed.jpg\">\n\t\t\t<meta itemprop=\"width\" content=\"1000\">\n\t\t\t<meta itemprop=\"height\" content=\"750\">\n\t\t<\/span>\n\t\t\t\t<meta itemscope itemprop=\"mainEntityOfPage\" itemtype=\"https:\/\/schema.org\/WebPage\" itemid=\"https:\/\/www.psib-psoe.org\/mallorca\/pere-joan-pons-aposta-per-una-llei-dhabitatge-estatal-per-mes-habitatge-public-i-per-dedicar-a-lloguer-social-els-habitatges-buits-dels-grans-tenidors\/\">\n\t<\/aside>\n\t\t<\/article>\n<\/div>\n<div class=\"small-12 large-4 columns\">\n\t<article itemscope itemtype=\"http:\/\/schema.org\/Article\" class=\"post blog-style7 alt post-24132 type-post status-publish format-standard has-post-thumbnail hentry category-federacio-de-mallorca category-municipis\" role=\"article\">\n\t\t<figure class=\"post-gallery\"><img loading=\"lazy\" decoding=\"async\" width=\"600\" height=\"400\" src=\"https:\/\/www.psib-psoe.org\/mallorca\/wp-content\/uploads\/pere-joan-pons-cosme-bonet-puigpunyent-eleccions-10-de-novembre-600x400.jpg\" class=\"attachment-notio-general-x2 size-notio-general-x2 wp-post-image\" alt=\"\" srcset=\"https:\/\/www.psib-psoe.org\/mallorca\/wp-content\/uploads\/pere-joan-pons-cosme-bonet-puigpunyent-eleccions-10-de-novembre-600x400.jpg 600w, https:\/\/www.psib-psoe.org\/mallorca\/wp-content\/uploads\/pere-joan-pons-cosme-bonet-puigpunyent-eleccions-10-de-novembre-300x200.jpg 300w, https:\/\/www.psib-psoe.org\/mallorca\/wp-content\/uploads\/pere-joan-pons-cosme-bonet-puigpunyent-eleccions-10-de-novembre-900x600.jpg 900w, https:\/\/www.psib-psoe.org\/mallorca\/wp-content\/uploads\/pere-joan-pons-cosme-bonet-puigpunyent-eleccions-10-de-novembre-20x13.jpg 20w\" sizes=\"(max-width: 600px) 100vw, 600px\" \/><\/figure>\n\t\t<div class=\"blog-top\">\n\t\t\t<header class=\"post-title entry-header\">\n\t\t\t\t<aside class=\"post-meta cf\">\n\t\t03\/11\/2019 \/ <a href=\"https:\/\/www.psib-psoe.org\/mallorca\/category\/federacio-de-mallorca\/\" rel=\"category tag\">Federaci\u00f3 de Mallorca<\/a>, <a href=\"https:\/\/www.psib-psoe.org\/mallorca\/category\/municipis\/\" rel=\"category tag\">Municipis<\/a><\/aside>\n\t\t\t\t<h3 itemprop=\"headline\"><a href=\"https:\/\/www.psib-psoe.org\/mallorca\/pons-i-bonet-demanen-el-vot-socialista-el-10-de-novembre-per-representar-el-vot-mes-segur-per-evitar-que-la-ultradreta-governi-a-espanya\/\" title=\"Pons i Bonet demanen el vot socialista el 10 de novembre per representar \u201cel vot m\u00e9s segur per evitar que la ultradreta governi a Espanya\u201d\">Pons i Bonet demanen el vot socialista el 10 de novembre per representar \u201cel vot m\u00e9s segur per evitar que la ultradreta governi a Espanya\u201d<\/a><\/h3>\n\t\t\t<\/header>\n\t\t<\/div>\n\t\t<div class=\"post-content\">\n\t\t\t<a href=\"https:\/\/www.psib-psoe.org\/mallorca\/pons-i-bonet-demanen-el-vot-socialista-el-10-de-novembre-per-representar-el-vot-mes-segur-per-evitar-que-la-ultradreta-governi-a-espanya\/\" class=\"more-link\">Read More<\/a>\n\t\t<\/div>\n\t\t\t<aside class=\"post-bottom-meta hide\">\n\t\t<strong rel=\"author\" itemprop=\"author\" class=\"author vcard\"><span class=\"fn\">adminpsib<\/span><\/strong>\n\t\t<time class=\"date published time\" datetime=\"2019-11-03T10:40:05+02:00\" itemprop=\"datePublished\" content=\"2019-11-03T10:40:05+02:00\">03\/11\/2019<\/time>\n\t\t<meta itemprop=\"dateModified\" class=\"date updated\" content=\"2020-01-08T14:27:26+02:00\">\n\t\t<span class=\"hide\" itemprop=\"publisher\" itemscope itemtype=\"https:\/\/schema.org\/Organization\">\n\t\t\t<meta itemprop=\"name\" content=\"SocialistesdMca\">\n\t\t\t<span itemprop=\"logo\" itemscope itemtype=\"https:\/\/schema.org\/ImageObject\">\n\t\t\t\t<meta itemprop=\"url\" content=\"https:\/\/www.psib-psoe.org\/mallorca\/wp-content\/themes\/notio-wp\/assets\/img\/logo.png\">\n\t\t\t<\/span>\n\t\t\t<meta itemprop=\"url\" content=\"https:\/\/www.psib-psoe.org\/mallorca\/\">\n\t\t<\/span>\n\t\t\t\t<span class=\"hide\" itemprop=\"image\" itemscope itemtype=\"http:\/\/schema.org\/ImageObject\">\n\t\t\t<meta itemprop=\"url\" content=\"https:\/\/www.psib-psoe.org\/mallorca\/wp-content\/uploads\/pere-joan-pons-cosme-bonet-puigpunyent-eleccions-10-de-novembre.jpg\">\n\t\t\t<meta itemprop=\"width\" content=\"1000\">\n\t\t\t<meta itemprop=\"height\" content=\"750\">\n\t\t<\/span>\n\t\t\t\t<meta itemscope itemprop=\"mainEntityOfPage\" itemtype=\"https:\/\/schema.org\/WebPage\" itemid=\"https:\/\/www.psib-psoe.org\/mallorca\/pons-i-bonet-demanen-el-vot-socialista-el-10-de-novembre-per-representar-el-vot-mes-segur-per-evitar-que-la-ultradreta-governi-a-espanya\/\">\n\t<\/aside>\n\t\t<\/article>\n<\/div>\n<div class=\"small-12 large-4 columns\">\n\t<article itemscope itemtype=\"http:\/\/schema.org\/Article\" class=\"post blog-style7 alt post-24129 type-post status-publish format-standard has-post-thumbnail hentry category-federacio-de-mallorca category-municipis\" role=\"article\">\n\t\t<figure class=\"post-gallery\"><img loading=\"lazy\" decoding=\"async\" width=\"600\" height=\"400\" src=\"https:\/\/www.psib-psoe.org\/mallorca\/wp-content\/uploads\/pere-joan-pons-jose-hila-pere-garau-eleccions-10-novembre-600x400.jpg\" class=\"attachment-notio-general-x2 size-notio-general-x2 wp-post-image\" alt=\"\" srcset=\"https:\/\/www.psib-psoe.org\/mallorca\/wp-content\/uploads\/pere-joan-pons-jose-hila-pere-garau-eleccions-10-novembre-600x400.jpg 600w, https:\/\/www.psib-psoe.org\/mallorca\/wp-content\/uploads\/pere-joan-pons-jose-hila-pere-garau-eleccions-10-novembre-300x200.jpg 300w, https:\/\/www.psib-psoe.org\/mallorca\/wp-content\/uploads\/pere-joan-pons-jose-hila-pere-garau-eleccions-10-novembre-900x600.jpg 900w, https:\/\/www.psib-psoe.org\/mallorca\/wp-content\/uploads\/pere-joan-pons-jose-hila-pere-garau-eleccions-10-novembre-20x13.jpg 20w\" sizes=\"(max-width: 600px) 100vw, 600px\" \/><\/figure>\n\t\t<div class=\"blog-top\">\n\t\t\t<header class=\"post-title entry-header\">\n\t\t\t\t<aside class=\"post-meta cf\">\n\t\t02\/11\/2019 \/ <a href=\"https:\/\/www.psib-psoe.org\/mallorca\/category\/federacio-de-mallorca\/\" rel=\"category tag\">Federaci\u00f3 de Mallorca<\/a>, <a href=\"https:\/\/www.psib-psoe.org\/mallorca\/category\/municipis\/\" rel=\"category tag\">Municipis<\/a><\/aside>\n\t\t\t\t<h3 itemprop=\"headline\"><a href=\"https:\/\/www.psib-psoe.org\/mallorca\/pere-joan-pons-anuncia-el-compromis-dels-socialistes-de-tornar-a-augmentar-el-salari-minim-interprofessional\/\" title=\"Pere Joan Pons anuncia el comprom\u00eds dels socialistes de tornar a augmentar el salari m\u00ednim interprofessional\">Pere Joan Pons anuncia el comprom\u00eds dels socialistes de tornar a augmentar el salari m\u00ednim interprofessional<\/a><\/h3>\n\t\t\t<\/header>\n\t\t<\/div>\n\t\t<div class=\"post-content\">\n\t\t\t<a href=\"https:\/\/www.psib-psoe.org\/mallorca\/pere-joan-pons-anuncia-el-compromis-dels-socialistes-de-tornar-a-augmentar-el-salari-minim-interprofessional\/\" class=\"more-link\">Read More<\/a>\n\t\t<\/div>\n\t\t\t<aside class=\"post-bottom-meta hide\">\n\t\t<strong rel=\"author\" itemprop=\"author\" class=\"author vcard\"><span class=\"fn\">adminpsib<\/span><\/strong>\n\t\t<time class=\"date published time\" datetime=\"2019-11-02T13:12:58+02:00\" itemprop=\"datePublished\" content=\"2019-11-02T13:12:58+02:00\">02\/11\/2019<\/time>\n\t\t<meta itemprop=\"dateModified\" class=\"date updated\" content=\"2020-01-08T14:27:36+02:00\">\n\t\t<span class=\"hide\" itemprop=\"publisher\" itemscope itemtype=\"https:\/\/schema.org\/Organization\">\n\t\t\t<meta itemprop=\"name\" content=\"SocialistesdMca\">\n\t\t\t<span itemprop=\"logo\" itemscope itemtype=\"https:\/\/schema.org\/ImageObject\">\n\t\t\t\t<meta itemprop=\"url\" content=\"https:\/\/www.psib-psoe.org\/mallorca\/wp-content\/themes\/notio-wp\/assets\/img\/logo.png\">\n\t\t\t<\/span>\n\t\t\t<meta itemprop=\"url\" content=\"https:\/\/www.psib-psoe.org\/mallorca\/\">\n\t\t<\/span>\n\t\t\t\t<span class=\"hide\" itemprop=\"image\" itemscope itemtype=\"http:\/\/schema.org\/ImageObject\">\n\t\t\t<meta itemprop=\"url\" content=\"https:\/\/www.psib-psoe.org\/mallorca\/wp-content\/uploads\/pere-joan-pons-jose-hila-pere-garau-eleccions-10-novembre.jpg\">\n\t\t\t<meta itemprop=\"width\" content=\"1000\">\n\t\t\t<meta itemprop=\"height\" content=\"750\">\n\t\t<\/span>\n\t\t\t\t<meta itemscope itemprop=\"mainEntityOfPage\" itemtype=\"https:\/\/schema.org\/WebPage\" itemid=\"https:\/\/www.psib-psoe.org\/mallorca\/pere-joan-pons-anuncia-el-compromis-dels-socialistes-de-tornar-a-augmentar-el-salari-minim-interprofessional\/\">\n\t<\/aside>\n\t\t<\/article>\n<\/div>\n<div class=\"small-12 large-4 columns\">\n\t<article itemscope itemtype=\"http:\/\/schema.org\/Article\" class=\"post blog-style7 alt post-24126 type-post status-publish format-standard has-post-thumbnail hentry category-federacio-de-mallorca category-municipis\" role=\"article\">\n\t\t<figure class=\"post-gallery\"><img loading=\"lazy\" decoding=\"async\" width=\"600\" height=\"400\" src=\"https:\/\/www.psib-psoe.org\/mallorca\/wp-content\/uploads\/video-memoria-historica-biel-600x400.jpg\" class=\"attachment-notio-general-x2 size-notio-general-x2 wp-post-image\" alt=\"\" srcset=\"https:\/\/www.psib-psoe.org\/mallorca\/wp-content\/uploads\/video-memoria-historica-biel-600x400.jpg 600w, https:\/\/www.psib-psoe.org\/mallorca\/wp-content\/uploads\/video-memoria-historica-biel-300x200.jpg 300w, https:\/\/www.psib-psoe.org\/mallorca\/wp-content\/uploads\/video-memoria-historica-biel-20x13.jpg 20w\" sizes=\"(max-width: 600px) 100vw, 600px\" \/><\/figure>\n\t\t<div class=\"blog-top\">\n\t\t\t<header class=\"post-title entry-header\">\n\t\t\t\t<aside class=\"post-meta cf\">\n\t\t01\/11\/2019 \/ <a href=\"https:\/\/www.psib-psoe.org\/mallorca\/category\/federacio-de-mallorca\/\" rel=\"category tag\">Federaci\u00f3 de Mallorca<\/a>, <a href=\"https:\/\/www.psib-psoe.org\/mallorca\/category\/municipis\/\" rel=\"category tag\">Municipis<\/a><\/aside>\n\t\t\t\t<h3 itemprop=\"headline\"><a href=\"https:\/\/www.psib-psoe.org\/mallorca\/el-psib-psoe-elabora-un-video-per-honorar-la-memoria-de-les-victimes-de-la-dictadura-feixista\/\" title=\"El PSIB-PSOE elabora un v\u00eddeo per honorar la mem\u00f2ria de les v\u00edctimes de la dictadura feixista\">El PSIB-PSOE elabora un v\u00eddeo per honorar la mem\u00f2ria de les v\u00edctimes de la dictadura feixista<\/a><\/h3>\n\t\t\t<\/header>\n\t\t<\/div>\n\t\t<div class=\"post-content\">\n\t\t\t<a href=\"https:\/\/www.psib-psoe.org\/mallorca\/el-psib-psoe-elabora-un-video-per-honorar-la-memoria-de-les-victimes-de-la-dictadura-feixista\/\" class=\"more-link\">Read More<\/a>\n\t\t<\/div>\n\t\t\t<aside class=\"post-bottom-meta hide\">\n\t\t<strong rel=\"author\" itemprop=\"author\" class=\"author vcard\"><span class=\"fn\">adminpsib<\/span><\/strong>\n\t\t<time class=\"date published time\" datetime=\"2019-11-01T19:53:04+02:00\" itemprop=\"datePublished\" content=\"2019-11-01T19:53:04+02:00\">01\/11\/2019<\/time>\n\t\t<meta itemprop=\"dateModified\" class=\"date updated\" content=\"2019-12-04T13:10:20+02:00\">\n\t\t<span class=\"hide\" itemprop=\"publisher\" itemscope itemtype=\"https:\/\/schema.org\/Organization\">\n\t\t\t<meta itemprop=\"name\" content=\"SocialistesdMca\">\n\t\t\t<span itemprop=\"logo\" itemscope itemtype=\"https:\/\/schema.org\/ImageObject\">\n\t\t\t\t<meta itemprop=\"url\" content=\"https:\/\/www.psib-psoe.org\/mallorca\/wp-content\/themes\/notio-wp\/assets\/img\/logo.png\">\n\t\t\t<\/span>\n\t\t\t<meta itemprop=\"url\" content=\"https:\/\/www.psib-psoe.org\/mallorca\/\">\n\t\t<\/span>\n\t\t\t\t<span class=\"hide\" itemprop=\"image\" itemscope itemtype=\"http:\/\/schema.org\/ImageObject\">\n\t\t\t<meta itemprop=\"url\" content=\"https:\/\/www.psib-psoe.org\/mallorca\/wp-content\/uploads\/video-memoria-historica-biel.jpg\">\n\t\t\t<meta itemprop=\"width\" content=\"1000\">\n\t\t\t<meta itemprop=\"height\" content=\"563\">\n\t\t<\/span>\n\t\t\t\t<meta itemscope itemprop=\"mainEntityOfPage\" itemtype=\"https:\/\/schema.org\/WebPage\" itemid=\"https:\/\/www.psib-psoe.org\/mallorca\/el-psib-psoe-elabora-un-video-per-honorar-la-memoria-de-les-victimes-de-la-dictadura-feixista\/\">\n\t<\/aside>\n\t\t<\/article>\n<\/div>\n<div class=\"small-12 large-4 columns\">\n\t<article itemscope itemtype=\"http:\/\/schema.org\/Article\" class=\"post blog-style7 alt post-24430 type-post status-publish format-standard has-post-thumbnail hentry category-federacio-de-mallorca\" role=\"article\">\n\t\t<figure class=\"post-gallery\"><img loading=\"lazy\" decoding=\"async\" width=\"600\" height=\"400\" src=\"https:\/\/www.psib-psoe.org\/mallorca\/wp-content\/uploads\/PJ-CB-i-SM-mur-de-la-mem\u00f2ria-600x400.jpg\" class=\"attachment-notio-general-x2 size-notio-general-x2 wp-post-image\" alt=\"\" srcset=\"https:\/\/www.psib-psoe.org\/mallorca\/wp-content\/uploads\/PJ-CB-i-SM-mur-de-la-mem\u00f2ria-600x400.jpg 600w, https:\/\/www.psib-psoe.org\/mallorca\/wp-content\/uploads\/PJ-CB-i-SM-mur-de-la-mem\u00f2ria-300x200.jpg 300w, https:\/\/www.psib-psoe.org\/mallorca\/wp-content\/uploads\/PJ-CB-i-SM-mur-de-la-mem\u00f2ria-900x600.jpg 900w, https:\/\/www.psib-psoe.org\/mallorca\/wp-content\/uploads\/PJ-CB-i-SM-mur-de-la-mem\u00f2ria-20x13.jpg 20w\" sizes=\"(max-width: 600px) 100vw, 600px\" \/><\/figure>\n\t\t<div class=\"blog-top\">\n\t\t\t<header class=\"post-title entry-header\">\n\t\t\t\t<aside class=\"post-meta cf\">\n\t\t01\/11\/2019 \/ <a href=\"https:\/\/www.psib-psoe.org\/mallorca\/category\/federacio-de-mallorca\/\" rel=\"category tag\">Federaci\u00f3 de Mallorca<\/a><\/aside>\n\t\t\t\t<h3 itemprop=\"headline\"><a href=\"https:\/\/www.psib-psoe.org\/mallorca\/el-psib-psoe-es-compromet-a-dotar-de-recursos-la-llei-de-memoria-historica-i-a-illegalitzar-les-fundacions-que-incitin-a-lodi-contra-les-victimes-del-feixisme\/\" title=\"El PSIB-PSOE es compromet a dotar de recursos la Llei de Mem\u00f2ria Hist\u00f2rica i a il\u00b7legalitzar les fundacions que incitin a l\u2019odi contra les v\u00edctimes del feixisme\">El PSIB-PSOE es compromet a dotar de recursos la Llei de Mem\u00f2ria Hist\u00f2rica i a il\u00b7legalitzar les fundacions que incitin a l\u2019odi contra les v\u00edctimes del feixisme<\/a><\/h3>\n\t\t\t<\/header>\n\t\t<\/div>\n\t\t<div class=\"post-content\">\n\t\t\t<a href=\"https:\/\/www.psib-psoe.org\/mallorca\/el-psib-psoe-es-compromet-a-dotar-de-recursos-la-llei-de-memoria-historica-i-a-illegalitzar-les-fundacions-que-incitin-a-lodi-contra-les-victimes-del-feixisme\/\" class=\"more-link\">Read More<\/a>\n\t\t<\/div>\n\t\t\t<aside class=\"post-bottom-meta hide\">\n\t\t<strong rel=\"author\" itemprop=\"author\" class=\"author vcard\"><span class=\"fn\">adminpsib<\/span><\/strong>\n\t\t<time class=\"date published time\" datetime=\"2019-11-01T13:34:54+02:00\" itemprop=\"datePublished\" content=\"2019-11-01T13:34:54+02:00\">01\/11\/2019<\/time>\n\t\t<meta itemprop=\"dateModified\" class=\"date updated\" content=\"2020-01-08T14:28:25+02:00\">\n\t\t<span class=\"hide\" itemprop=\"publisher\" itemscope itemtype=\"https:\/\/schema.org\/Organization\">\n\t\t\t<meta itemprop=\"name\" content=\"SocialistesdMca\">\n\t\t\t<span itemprop=\"logo\" itemscope itemtype=\"https:\/\/schema.org\/ImageObject\">\n\t\t\t\t<meta itemprop=\"url\" content=\"https:\/\/www.psib-psoe.org\/mallorca\/wp-content\/themes\/notio-wp\/assets\/img\/logo.png\">\n\t\t\t<\/span>\n\t\t\t<meta itemprop=\"url\" content=\"https:\/\/www.psib-psoe.org\/mallorca\/\">\n\t\t<\/span>\n\t\t\t\t<span class=\"hide\" itemprop=\"image\" itemscope itemtype=\"http:\/\/schema.org\/ImageObject\">\n\t\t\t<meta itemprop=\"url\" content=\"https:\/\/www.psib-psoe.org\/mallorca\/wp-content\/uploads\/PJ-CB-i-SM-mur-de-la-mem\u00f2ria.jpg\">\n\t\t\t<meta itemprop=\"width\" content=\"1000\">\n\t\t\t<meta itemprop=\"height\" content=\"822\">\n\t\t<\/span>\n\t\t\t\t<meta itemscope itemprop=\"mainEntityOfPage\" itemtype=\"https:\/\/schema.org\/WebPage\" itemid=\"https:\/\/www.psib-psoe.org\/mallorca\/el-psib-psoe-es-compromet-a-dotar-de-recursos-la-llei-de-memoria-historica-i-a-illegalitzar-les-fundacions-que-incitin-a-lodi-contra-les-victimes-del-feixisme\/\">\n\t<\/aside>\n\t\t<\/article>\n<\/div>\n<div class=\"small-12 large-4 columns\">\n\t<article itemscope itemtype=\"http:\/\/schema.org\/Article\" class=\"post blog-style7 alt post-24123 type-post status-publish format-standard has-post-thumbnail hentry category-federacio-de-mallorca\" role=\"article\">\n\t\t<figure class=\"post-gallery\"><img loading=\"lazy\" decoding=\"async\" width=\"600\" height=\"400\" src=\"https:\/\/www.psib-psoe.org\/mallorca\/wp-content\/uploads\/armengol-pons-penjada-cartells-10-novembre-600x400.jpg\" class=\"attachment-notio-general-x2 size-notio-general-x2 wp-post-image\" alt=\"\" srcset=\"https:\/\/www.psib-psoe.org\/mallorca\/wp-content\/uploads\/armengol-pons-penjada-cartells-10-novembre-600x400.jpg 600w, https:\/\/www.psib-psoe.org\/mallorca\/wp-content\/uploads\/armengol-pons-penjada-cartells-10-novembre-300x200.jpg 300w, https:\/\/www.psib-psoe.org\/mallorca\/wp-content\/uploads\/armengol-pons-penjada-cartells-10-novembre-900x600.jpg 900w, https:\/\/www.psib-psoe.org\/mallorca\/wp-content\/uploads\/armengol-pons-penjada-cartells-10-novembre-20x13.jpg 20w\" sizes=\"(max-width: 600px) 100vw, 600px\" \/><\/figure>\n\t\t<div class=\"blog-top\">\n\t\t\t<header class=\"post-title entry-header\">\n\t\t\t\t<aside class=\"post-meta cf\">\n\t\t31\/10\/2019 \/ <a href=\"https:\/\/www.psib-psoe.org\/mallorca\/category\/federacio-de-mallorca\/\" rel=\"category tag\">Federaci\u00f3 de Mallorca<\/a><\/aside>\n\t\t\t\t<h3 itemprop=\"headline\"><a href=\"https:\/\/www.psib-psoe.org\/mallorca\/el-psib-psoe-arrenca-una-campanya-amb-propostes-clares-i-amb-el-convenciment-de-millorar-els-resultats-del-28-dabril\/\" title=\"El PSIB-PSOE arrenca una campanya \u201camb propostes clares i amb el convenciment de millorar els resultats del 28 d\u2019abril\u201d\">El PSIB-PSOE arrenca una campanya \u201camb propostes clares i amb el convenciment de millorar els resultats del 28 d\u2019abril\u201d<\/a><\/h3>\n\t\t\t<\/header>\n\t\t<\/div>\n\t\t<div class=\"post-content\">\n\t\t\t<a href=\"https:\/\/www.psib-psoe.org\/mallorca\/el-psib-psoe-arrenca-una-campanya-amb-propostes-clares-i-amb-el-convenciment-de-millorar-els-resultats-del-28-dabril\/\" class=\"more-link\">Read More<\/a>\n\t\t<\/div>\n\t\t\t<aside class=\"post-bottom-meta hide\">\n\t\t<strong rel=\"author\" itemprop=\"author\" class=\"author vcard\"><span class=\"fn\">adminpsib<\/span><\/strong>\n\t\t<time class=\"date published time\" datetime=\"2019-10-31T19:41:33+02:00\" itemprop=\"datePublished\" content=\"2019-10-31T19:41:33+02:00\">31\/10\/2019<\/time>\n\t\t<meta itemprop=\"dateModified\" class=\"date updated\" content=\"2019-12-04T13:10:32+02:00\">\n\t\t<span class=\"hide\" itemprop=\"publisher\" itemscope itemtype=\"https:\/\/schema.org\/Organization\">\n\t\t\t<meta itemprop=\"name\" content=\"SocialistesdMca\">\n\t\t\t<span itemprop=\"logo\" itemscope itemtype=\"https:\/\/schema.org\/ImageObject\">\n\t\t\t\t<meta itemprop=\"url\" content=\"https:\/\/www.psib-psoe.org\/mallorca\/wp-content\/themes\/notio-wp\/assets\/img\/logo.png\">\n\t\t\t<\/span>\n\t\t\t<meta itemprop=\"url\" content=\"https:\/\/www.psib-psoe.org\/mallorca\/\">\n\t\t<\/span>\n\t\t\t\t<span class=\"hide\" itemprop=\"image\" itemscope itemtype=\"http:\/\/schema.org\/ImageObject\">\n\t\t\t<meta itemprop=\"url\" content=\"https:\/\/www.psib-psoe.org\/mallorca\/wp-content\/uploads\/armengol-pons-penjada-cartells-10-novembre.jpg\">\n\t\t\t<meta itemprop=\"width\" content=\"1000\">\n\t\t\t<meta itemprop=\"height\" content=\"750\">\n\t\t<\/span>\n\t\t\t\t<meta itemscope itemprop=\"mainEntityOfPage\" itemtype=\"https:\/\/schema.org\/WebPage\" itemid=\"https:\/\/www.psib-psoe.org\/mallorca\/el-psib-psoe-arrenca-una-campanya-amb-propostes-clares-i-amb-el-convenciment-de-millorar-els-resultats-del-28-dabril\/\">\n\t<\/aside>\n\t\t<\/article>\n<\/div>\n<div class=\"small-12 large-4 columns\">\n\t<article itemscope itemtype=\"http:\/\/schema.org\/Article\" class=\"post blog-style7 alt post-24110 type-post status-publish format-standard has-post-thumbnail hentry category-federacio-de-mallorca category-municipis\" role=\"article\">\n\t\t<figure class=\"post-gallery\"><img loading=\"lazy\" decoding=\"async\" width=\"600\" height=\"400\" src=\"https:\/\/www.psib-psoe.org\/mallorca\/wp-content\/uploads\/acte-pedro-sanchez-30-octubre-2019-armengol-hila-pere-joan-pons-600x400.jpg\" class=\"attachment-notio-general-x2 size-notio-general-x2 wp-post-image\" alt=\"\" srcset=\"https:\/\/www.psib-psoe.org\/mallorca\/wp-content\/uploads\/acte-pedro-sanchez-30-octubre-2019-armengol-hila-pere-joan-pons-600x400.jpg 600w, https:\/\/www.psib-psoe.org\/mallorca\/wp-content\/uploads\/acte-pedro-sanchez-30-octubre-2019-armengol-hila-pere-joan-pons-300x200.jpg 300w, https:\/\/www.psib-psoe.org\/mallorca\/wp-content\/uploads\/acte-pedro-sanchez-30-octubre-2019-armengol-hila-pere-joan-pons-768x511.jpg 768w, https:\/\/www.psib-psoe.org\/mallorca\/wp-content\/uploads\/acte-pedro-sanchez-30-octubre-2019-armengol-hila-pere-joan-pons-150x100.jpg 150w, https:\/\/www.psib-psoe.org\/mallorca\/wp-content\/uploads\/acte-pedro-sanchez-30-octubre-2019-armengol-hila-pere-joan-pons-900x600.jpg 900w, https:\/\/www.psib-psoe.org\/mallorca\/wp-content\/uploads\/acte-pedro-sanchez-30-octubre-2019-armengol-hila-pere-joan-pons-20x13.jpg 20w, https:\/\/www.psib-psoe.org\/mallorca\/wp-content\/uploads\/acte-pedro-sanchez-30-octubre-2019-armengol-hila-pere-joan-pons.jpg 1000w\" sizes=\"(max-width: 600px) 100vw, 600px\" \/><\/figure>\n\t\t<div class=\"blog-top\">\n\t\t\t<header class=\"post-title entry-header\">\n\t\t\t\t<aside class=\"post-meta cf\">\n\t\t30\/10\/2019 \/ <a href=\"https:\/\/www.psib-psoe.org\/mallorca\/category\/federacio-de-mallorca\/\" rel=\"category tag\">Federaci\u00f3 de Mallorca<\/a>, <a href=\"https:\/\/www.psib-psoe.org\/mallorca\/category\/municipis\/\" rel=\"category tag\">Municipis<\/a><\/aside>\n\t\t\t\t<h3 itemprop=\"headline\"><a href=\"https:\/\/www.psib-psoe.org\/mallorca\/pedro-sanchez-demana-a-palma-la-concentracio-del-vot-en-lunic-projecte-politic-que-pot-garantir-lestabilitat-a-espanya\/\" title=\"Pedro S\u00e1nchez demana a Palma la concentraci\u00f3 del vot \u201cen l\u2019\u00fanic projecte pol\u00edtic que pot garantir l\u2019estabilitat a Espanya\u201d\">Pedro S\u00e1nchez demana a Palma la concentraci\u00f3 del vot \u201cen l\u2019\u00fanic projecte pol\u00edtic que pot garantir l\u2019estabilitat a Espanya\u201d<\/a><\/h3>\n\t\t\t<\/header>\n\t\t<\/div>\n\t\t<div class=\"post-content\">\n\t\t\t<a href=\"https:\/\/www.psib-psoe.org\/mallorca\/pedro-sanchez-demana-a-palma-la-concentracio-del-vot-en-lunic-projecte-politic-que-pot-garantir-lestabilitat-a-espanya\/\" class=\"more-link\">Read More<\/a>\n\t\t<\/div>\n\t\t\t<aside class=\"post-bottom-meta hide\">\n\t\t<strong rel=\"author\" itemprop=\"author\" class=\"author vcard\"><span class=\"fn\">adminpsib<\/span><\/strong>\n\t\t<time class=\"date published time\" datetime=\"2019-10-30T16:23:29+02:00\" itemprop=\"datePublished\" content=\"2019-10-30T16:23:29+02:00\">30\/10\/2019<\/time>\n\t\t<meta itemprop=\"dateModified\" class=\"date updated\" content=\"2020-01-08T14:29:10+02:00\">\n\t\t<span class=\"hide\" itemprop=\"publisher\" itemscope itemtype=\"https:\/\/schema.org\/Organization\">\n\t\t\t<meta itemprop=\"name\" content=\"SocialistesdMca\">\n\t\t\t<span itemprop=\"logo\" itemscope itemtype=\"https:\/\/schema.org\/ImageObject\">\n\t\t\t\t<meta itemprop=\"url\" content=\"https:\/\/www.psib-psoe.org\/mallorca\/wp-content\/themes\/notio-wp\/assets\/img\/logo.png\">\n\t\t\t<\/span>\n\t\t\t<meta itemprop=\"url\" content=\"https:\/\/www.psib-psoe.org\/mallorca\/\">\n\t\t<\/span>\n\t\t\t\t<span class=\"hide\" itemprop=\"image\" itemscope itemtype=\"http:\/\/schema.org\/ImageObject\">\n\t\t\t<meta itemprop=\"url\" content=\"https:\/\/www.psib-psoe.org\/mallorca\/wp-content\/uploads\/acte-pedro-sanchez-30-octubre-2019-armengol-hila-pere-joan-pons.jpg\">\n\t\t\t<meta itemprop=\"width\" content=\"1000\">\n\t\t\t<meta itemprop=\"height\" content=\"666\">\n\t\t<\/span>\n\t\t\t\t<meta itemscope itemprop=\"mainEntityOfPage\" itemtype=\"https:\/\/schema.org\/WebPage\" itemid=\"https:\/\/www.psib-psoe.org\/mallorca\/pedro-sanchez-demana-a-palma-la-concentracio-del-vot-en-lunic-projecte-politic-que-pot-garantir-lestabilitat-a-espanya\/\">\n\t<\/aside>\n\t\t<\/article>\n<\/div>\n<div class=\"small-12 large-4 columns\">\n\t<article itemscope itemtype=\"http:\/\/schema.org\/Article\" class=\"post blog-style7 alt post-24434 type-post status-publish format-standard has-post-thumbnail hentry category-federacio-de-mallorca\" role=\"article\">\n\t\t<figure class=\"post-gallery\"><img loading=\"lazy\" decoding=\"async\" width=\"600\" height=\"400\" src=\"https:\/\/www.psib-psoe.org\/mallorca\/wp-content\/uploads\/Acte-sectorial-serveis-socials-10N-600x400.jpg\" class=\"attachment-notio-general-x2 size-notio-general-x2 wp-post-image\" alt=\"\" srcset=\"https:\/\/www.psib-psoe.org\/mallorca\/wp-content\/uploads\/Acte-sectorial-serveis-socials-10N-600x400.jpg 600w, https:\/\/www.psib-psoe.org\/mallorca\/wp-content\/uploads\/Acte-sectorial-serveis-socials-10N-300x200.jpg 300w, https:\/\/www.psib-psoe.org\/mallorca\/wp-content\/uploads\/Acte-sectorial-serveis-socials-10N-900x600.jpg 900w, https:\/\/www.psib-psoe.org\/mallorca\/wp-content\/uploads\/Acte-sectorial-serveis-socials-10N-20x13.jpg 20w\" sizes=\"(max-width: 600px) 100vw, 600px\" \/><\/figure>\n\t\t<div class=\"blog-top\">\n\t\t\t<header class=\"post-title entry-header\">\n\t\t\t\t<aside class=\"post-meta cf\">\n\t\t29\/10\/2019 \/ <a href=\"https:\/\/www.psib-psoe.org\/mallorca\/category\/federacio-de-mallorca\/\" rel=\"category tag\">Federaci\u00f3 de Mallorca<\/a><\/aside>\n\t\t\t\t<h3 itemprop=\"headline\"><a href=\"https:\/\/www.psib-psoe.org\/mallorca\/el-psib-psoe-aposta-per-desenvolupar-la-llei-de-dependencia-i-dotar-la-de-mes-recursos-economics\/\" title=\"El PSIB-PSOE aposta per desenvolupar la Llei de Depend\u00e8ncia i dotar-la de m\u00e9s recursos econ\u00f2mics\">El PSIB-PSOE aposta per desenvolupar la Llei de Depend\u00e8ncia i dotar-la de m\u00e9s recursos econ\u00f2mics<\/a><\/h3>\n\t\t\t<\/header>\n\t\t<\/div>\n\t\t<div class=\"post-content\">\n\t\t\t<a href=\"https:\/\/www.psib-psoe.org\/mallorca\/el-psib-psoe-aposta-per-desenvolupar-la-llei-de-dependencia-i-dotar-la-de-mes-recursos-economics\/\" class=\"more-link\">Read More<\/a>\n\t\t<\/div>\n\t\t\t<aside class=\"post-bottom-meta hide\">\n\t\t<strong rel=\"author\" itemprop=\"author\" class=\"author vcard\"><span class=\"fn\">adminpsib<\/span><\/strong>\n\t\t<time class=\"date published time\" datetime=\"2019-10-29T20:09:35+02:00\" itemprop=\"datePublished\" content=\"2019-10-29T20:09:35+02:00\">29\/10\/2019<\/time>\n\t\t<meta itemprop=\"dateModified\" class=\"date updated\" content=\"2019-10-29T20:09:35+02:00\">\n\t\t<span class=\"hide\" itemprop=\"publisher\" itemscope itemtype=\"https:\/\/schema.org\/Organization\">\n\t\t\t<meta itemprop=\"name\" content=\"SocialistesdMca\">\n\t\t\t<span itemprop=\"logo\" itemscope itemtype=\"https:\/\/schema.org\/ImageObject\">\n\t\t\t\t<meta itemprop=\"url\" content=\"https:\/\/www.psib-psoe.org\/mallorca\/wp-content\/themes\/notio-wp\/assets\/img\/logo.png\">\n\t\t\t<\/span>\n\t\t\t<meta itemprop=\"url\" content=\"https:\/\/www.psib-psoe.org\/mallorca\/\">\n\t\t<\/span>\n\t\t\t\t<span class=\"hide\" itemprop=\"image\" itemscope itemtype=\"http:\/\/schema.org\/ImageObject\">\n\t\t\t<meta itemprop=\"url\" content=\"https:\/\/www.psib-psoe.org\/mallorca\/wp-content\/uploads\/Acte-sectorial-serveis-socials-10N.jpg\">\n\t\t\t<meta itemprop=\"width\" content=\"1000\">\n\t\t\t<meta itemprop=\"height\" content=\"750\">\n\t\t<\/span>\n\t\t\t\t<meta itemscope itemprop=\"mainEntityOfPage\" itemtype=\"https:\/\/schema.org\/WebPage\" itemid=\"https:\/\/www.psib-psoe.org\/mallorca\/el-psib-psoe-aposta-per-desenvolupar-la-llei-de-dependencia-i-dotar-la-de-mes-recursos-economics\/\">\n\t<\/aside>\n\t\t<\/article>\n<\/div>\n<div class=\"small-12 large-4 columns\">\n\t<article itemscope itemtype=\"http:\/\/schema.org\/Article\" class=\"post blog-style7 alt post-24107 type-post status-publish format-standard has-post-thumbnail hentry category-federacio-de-mallorca category-opinio\" role=\"article\">\n\t\t<figure class=\"post-gallery\"><img loading=\"lazy\" decoding=\"async\" width=\"600\" height=\"400\" src=\"https:\/\/www.psib-psoe.org\/mallorca\/wp-content\/uploads\/Cosme-Bonet-3-600x400.jpg\" class=\"attachment-notio-general-x2 size-notio-general-x2 wp-post-image\" alt=\"\" srcset=\"https:\/\/www.psib-psoe.org\/mallorca\/wp-content\/uploads\/Cosme-Bonet-3-600x400.jpg 600w, https:\/\/www.psib-psoe.org\/mallorca\/wp-content\/uploads\/Cosme-Bonet-3-300x200.jpg 300w, https:\/\/www.psib-psoe.org\/mallorca\/wp-content\/uploads\/Cosme-Bonet-3-768x512.jpg 768w, https:\/\/www.psib-psoe.org\/mallorca\/wp-content\/uploads\/Cosme-Bonet-3-150x100.jpg 150w, https:\/\/www.psib-psoe.org\/mallorca\/wp-content\/uploads\/Cosme-Bonet-3-900x600.jpg 900w, https:\/\/www.psib-psoe.org\/mallorca\/wp-content\/uploads\/Cosme-Bonet-3-20x13.jpg 20w, https:\/\/www.psib-psoe.org\/mallorca\/wp-content\/uploads\/Cosme-Bonet-3.jpg 1000w\" sizes=\"(max-width: 600px) 100vw, 600px\" \/><\/figure>\n\t\t<div class=\"blog-top\">\n\t\t\t<header class=\"post-title entry-header\">\n\t\t\t\t<aside class=\"post-meta cf\">\n\t\t29\/10\/2019 \/ <a href=\"https:\/\/www.psib-psoe.org\/mallorca\/category\/federacio-de-mallorca\/\" rel=\"category tag\">Federaci\u00f3 de Mallorca<\/a>, <a href=\"https:\/\/www.psib-psoe.org\/mallorca\/category\/opinio\/\" rel=\"category tag\">Opini\u00f3<\/a><\/aside>\n\t\t\t\t<h3 itemprop=\"headline\"><a href=\"https:\/\/www.psib-psoe.org\/mallorca\/un-10-de-novembre-carregat-de-raons\/\" title=\"Un 10 de novembre carregat de raons\">Un 10 de novembre carregat de raons<\/a><\/h3>\n\t\t\t<\/header>\n\t\t<\/div>\n\t\t<div class=\"post-content\">\n\t\t\t<a href=\"https:\/\/www.psib-psoe.org\/mallorca\/un-10-de-novembre-carregat-de-raons\/\" class=\"more-link\">Read More<\/a>\n\t\t<\/div>\n\t\t\t<aside class=\"post-bottom-meta hide\">\n\t\t<strong rel=\"author\" itemprop=\"author\" class=\"author vcard\"><span class=\"fn\">adminpsib<\/span><\/strong>\n\t\t<time class=\"date published time\" datetime=\"2019-10-29T18:32:27+02:00\" itemprop=\"datePublished\" content=\"2019-10-29T18:32:27+02:00\">29\/10\/2019<\/time>\n\t\t<meta itemprop=\"dateModified\" class=\"date updated\" content=\"2020-04-20T14:47:47+02:00\">\n\t\t<span class=\"hide\" itemprop=\"publisher\" itemscope itemtype=\"https:\/\/schema.org\/Organization\">\n\t\t\t<meta itemprop=\"name\" content=\"SocialistesdMca\">\n\t\t\t<span itemprop=\"logo\" itemscope itemtype=\"https:\/\/schema.org\/ImageObject\">\n\t\t\t\t<meta itemprop=\"url\" content=\"https:\/\/www.psib-psoe.org\/mallorca\/wp-content\/themes\/notio-wp\/assets\/img\/logo.png\">\n\t\t\t<\/span>\n\t\t\t<meta itemprop=\"url\" content=\"https:\/\/www.psib-psoe.org\/mallorca\/\">\n\t\t<\/span>\n\t\t\t\t<span class=\"hide\" itemprop=\"image\" itemscope itemtype=\"http:\/\/schema.org\/ImageObject\">\n\t\t\t<meta itemprop=\"url\" content=\"https:\/\/www.psib-psoe.org\/mallorca\/wp-content\/uploads\/Cosme-Bonet-3.jpg\">\n\t\t\t<meta itemprop=\"width\" content=\"1000\">\n\t\t\t<meta itemprop=\"height\" content=\"667\">\n\t\t<\/span>\n\t\t\t\t<meta itemscope itemprop=\"mainEntityOfPage\" itemtype=\"https:\/\/schema.org\/WebPage\" itemid=\"https:\/\/www.psib-psoe.org\/mallorca\/un-10-de-novembre-carregat-de-raons\/\">\n\t<\/aside>\n\t\t<\/article>\n<\/div>\n<div class=\"small-12 large-4 columns\">\n\t<article itemscope itemtype=\"http:\/\/schema.org\/Article\" class=\"post blog-style7 alt post-24437 type-post status-publish format-standard has-post-thumbnail hentry category-federacio-de-mallorca\" role=\"article\">\n\t\t<figure class=\"post-gallery\"><img loading=\"lazy\" decoding=\"async\" width=\"600\" height=\"400\" src=\"https:\/\/www.psib-psoe.org\/mallorca\/wp-content\/uploads\/Presentaci\u00f3-campanya-10N-600x400.jpg\" class=\"attachment-notio-general-x2 size-notio-general-x2 wp-post-image\" alt=\"\" srcset=\"https:\/\/www.psib-psoe.org\/mallorca\/wp-content\/uploads\/Presentaci\u00f3-campanya-10N-600x400.jpg 600w, https:\/\/www.psib-psoe.org\/mallorca\/wp-content\/uploads\/Presentaci\u00f3-campanya-10N-300x200.jpg 300w, https:\/\/www.psib-psoe.org\/mallorca\/wp-content\/uploads\/Presentaci\u00f3-campanya-10N-20x13.jpg 20w, https:\/\/www.psib-psoe.org\/mallorca\/wp-content\/uploads\/Presentaci\u00f3-campanya-10N-900x600.jpg 900w\" sizes=\"(max-width: 600px) 100vw, 600px\" \/><\/figure>\n\t\t<div class=\"blog-top\">\n\t\t\t<header class=\"post-title entry-header\">\n\t\t\t\t<aside class=\"post-meta cf\">\n\t\t29\/10\/2019 \/ <a href=\"https:\/\/www.psib-psoe.org\/mallorca\/category\/federacio-de-mallorca\/\" rel=\"category tag\">Federaci\u00f3 de Mallorca<\/a><\/aside>\n\t\t\t\t<h3 itemprop=\"headline\"><a href=\"https:\/\/www.psib-psoe.org\/mallorca\/el-psib-psoe-presenta-una-campanya-que-sera-en-positiu-i-amb-propostes-per-consolidar-les-politiques-progressistes-que-impulsam-a-balears-i-a-espanya\/\" title=\"El PSIB-PSOE presenta una campanya que ser\u00e0 \u201cen positiu i amb propostes per consolidar les pol\u00edtiques progressistes que impulsam a Balears i a Espanya\u201d\">El PSIB-PSOE presenta una campanya que ser\u00e0 \u201cen positiu i amb propostes per consolidar les pol\u00edtiques progressistes que impulsam a Balears i a Espanya\u201d<\/a><\/h3>\n\t\t\t<\/header>\n\t\t<\/div>\n\t\t<div class=\"post-content\">\n\t\t\t<a href=\"https:\/\/www.psib-psoe.org\/mallorca\/el-psib-psoe-presenta-una-campanya-que-sera-en-positiu-i-amb-propostes-per-consolidar-les-politiques-progressistes-que-impulsam-a-balears-i-a-espanya\/\" class=\"more-link\">Read More<\/a>\n\t\t<\/div>\n\t\t\t<aside class=\"post-bottom-meta hide\">\n\t\t<strong rel=\"author\" itemprop=\"author\" class=\"author vcard\"><span class=\"fn\">adminpsib<\/span><\/strong>\n\t\t<time class=\"date published time\" datetime=\"2019-10-29T15:29:59+02:00\" itemprop=\"datePublished\" content=\"2019-10-29T15:29:59+02:00\">29\/10\/2019<\/time>\n\t\t<meta itemprop=\"dateModified\" class=\"date updated\" content=\"2019-10-29T15:29:59+02:00\">\n\t\t<span class=\"hide\" itemprop=\"publisher\" itemscope itemtype=\"https:\/\/schema.org\/Organization\">\n\t\t\t<meta itemprop=\"name\" content=\"SocialistesdMca\">\n\t\t\t<span itemprop=\"logo\" itemscope itemtype=\"https:\/\/schema.org\/ImageObject\">\n\t\t\t\t<meta itemprop=\"url\" content=\"https:\/\/www.psib-psoe.org\/mallorca\/wp-content\/themes\/notio-wp\/assets\/img\/logo.png\">\n\t\t\t<\/span>\n\t\t\t<meta itemprop=\"url\" content=\"https:\/\/www.psib-psoe.org\/mallorca\/\">\n\t\t<\/span>\n\t\t\t\t<span class=\"hide\" itemprop=\"image\" itemscope itemtype=\"http:\/\/schema.org\/ImageObject\">\n\t\t\t<meta itemprop=\"url\" content=\"https:\/\/www.psib-psoe.org\/mallorca\/wp-content\/uploads\/Presentaci\u00f3-campanya-10N.jpg\">\n\t\t\t<meta itemprop=\"width\" content=\"1000\">\n\t\t\t<meta itemprop=\"height\" content=\"715\">\n\t\t<\/span>\n\t\t\t\t<meta itemscope itemprop=\"mainEntityOfPage\" itemtype=\"https:\/\/schema.org\/WebPage\" itemid=\"https:\/\/www.psib-psoe.org\/mallorca\/el-psib-psoe-presenta-una-campanya-que-sera-en-positiu-i-amb-propostes-per-consolidar-les-politiques-progressistes-que-impulsam-a-balears-i-a-espanya\/\">\n\t<\/aside>\n\t\t<\/article>\n<\/div>\n<div class=\"small-12 large-4 columns\">\n\t<article itemscope itemtype=\"http:\/\/schema.org\/Article\" class=\"post blog-style7 alt post-24440 type-post status-publish format-standard has-post-thumbnail hentry category-federacio-de-mallorca\" role=\"article\">\n\t\t<figure class=\"post-gallery\"><img loading=\"lazy\" decoding=\"async\" width=\"600\" height=\"400\" src=\"https:\/\/www.psib-psoe.org\/mallorca\/wp-content\/uploads\/Acte-jove-amb-Pere-Joan-Pons-001-600x400.jpg\" class=\"attachment-notio-general-x2 size-notio-general-x2 wp-post-image\" alt=\"\" srcset=\"https:\/\/www.psib-psoe.org\/mallorca\/wp-content\/uploads\/Acte-jove-amb-Pere-Joan-Pons-001-600x400.jpg 600w, https:\/\/www.psib-psoe.org\/mallorca\/wp-content\/uploads\/Acte-jove-amb-Pere-Joan-Pons-001-300x200.jpg 300w, https:\/\/www.psib-psoe.org\/mallorca\/wp-content\/uploads\/Acte-jove-amb-Pere-Joan-Pons-001-900x600.jpg 900w, https:\/\/www.psib-psoe.org\/mallorca\/wp-content\/uploads\/Acte-jove-amb-Pere-Joan-Pons-001-20x13.jpg 20w\" sizes=\"(max-width: 600px) 100vw, 600px\" \/><\/figure>\n\t\t<div class=\"blog-top\">\n\t\t\t<header class=\"post-title entry-header\">\n\t\t\t\t<aside class=\"post-meta cf\">\n\t\t28\/10\/2019 \/ <a href=\"https:\/\/www.psib-psoe.org\/mallorca\/category\/federacio-de-mallorca\/\" rel=\"category tag\">Federaci\u00f3 de Mallorca<\/a><\/aside>\n\t\t\t\t<h3 itemprop=\"headline\"><a href=\"https:\/\/www.psib-psoe.org\/mallorca\/pere-joan-pons-aposta-per-impulsar-una-llei-estatal-de-canvi-climatic-i-declarar-lemergencia-climatica-a-espanya\/\" title=\"Pere Joan Pons aposta per impulsar una llei estatal de canvi clim\u00e0tic i declarar l\u2019emerg\u00e8ncia clim\u00e0tica a Espanya\">Pere Joan Pons aposta per impulsar una llei estatal de canvi clim\u00e0tic i declarar l\u2019emerg\u00e8ncia clim\u00e0tica a Espanya<\/a><\/h3>\n\t\t\t<\/header>\n\t\t<\/div>\n\t\t<div class=\"post-content\">\n\t\t\t<a href=\"https:\/\/www.psib-psoe.org\/mallorca\/pere-joan-pons-aposta-per-impulsar-una-llei-estatal-de-canvi-climatic-i-declarar-lemergencia-climatica-a-espanya\/\" class=\"more-link\">Read More<\/a>\n\t\t<\/div>\n\t\t\t<aside class=\"post-bottom-meta hide\">\n\t\t<strong rel=\"author\" itemprop=\"author\" class=\"author vcard\"><span class=\"fn\">adminpsib<\/span><\/strong>\n\t\t<time class=\"date published time\" datetime=\"2019-10-28T21:58:00+02:00\" itemprop=\"datePublished\" content=\"2019-10-28T21:58:00+02:00\">28\/10\/2019<\/time>\n\t\t<meta itemprop=\"dateModified\" class=\"date updated\" content=\"2019-10-28T21:58:00+02:00\">\n\t\t<span class=\"hide\" itemprop=\"publisher\" itemscope itemtype=\"https:\/\/schema.org\/Organization\">\n\t\t\t<meta itemprop=\"name\" content=\"SocialistesdMca\">\n\t\t\t<span itemprop=\"logo\" itemscope itemtype=\"https:\/\/schema.org\/ImageObject\">\n\t\t\t\t<meta itemprop=\"url\" content=\"https:\/\/www.psib-psoe.org\/mallorca\/wp-content\/themes\/notio-wp\/assets\/img\/logo.png\">\n\t\t\t<\/span>\n\t\t\t<meta itemprop=\"url\" content=\"https:\/\/www.psib-psoe.org\/mallorca\/\">\n\t\t<\/span>\n\t\t\t\t<span class=\"hide\" itemprop=\"image\" itemscope itemtype=\"http:\/\/schema.org\/ImageObject\">\n\t\t\t<meta itemprop=\"url\" content=\"https:\/\/www.psib-psoe.org\/mallorca\/wp-content\/uploads\/Acte-jove-amb-Pere-Joan-Pons-001.jpg\">\n\t\t\t<meta itemprop=\"width\" content=\"1000\">\n\t\t\t<meta itemprop=\"height\" content=\"750\">\n\t\t<\/span>\n\t\t\t\t<meta itemscope itemprop=\"mainEntityOfPage\" itemtype=\"https:\/\/schema.org\/WebPage\" itemid=\"https:\/\/www.psib-psoe.org\/mallorca\/pere-joan-pons-aposta-per-impulsar-una-llei-estatal-de-canvi-climatic-i-declarar-lemergencia-climatica-a-espanya\/\">\n\t<\/aside>\n\t\t<\/article>\n<\/div>\n<div class=\"small-12 large-4 columns\">\n\t<article itemscope itemtype=\"http:\/\/schema.org\/Article\" class=\"post blog-style7 alt post-24104 type-post status-publish format-standard has-post-thumbnail hentry category-federacio-de-mallorca category-municipis\" role=\"article\">\n\t\t<figure class=\"post-gallery\"><img loading=\"lazy\" decoding=\"async\" width=\"600\" height=\"400\" src=\"https:\/\/www.psib-psoe.org\/mallorca\/wp-content\/uploads\/acte-carmen-calvo-octubre-2019-armengol-pere-joan-cosme-susanna-alfonso-600x400.jpg\" class=\"attachment-notio-general-x2 size-notio-general-x2 wp-post-image\" alt=\"\" srcset=\"https:\/\/www.psib-psoe.org\/mallorca\/wp-content\/uploads\/acte-carmen-calvo-octubre-2019-armengol-pere-joan-cosme-susanna-alfonso-600x400.jpg 600w, https:\/\/www.psib-psoe.org\/mallorca\/wp-content\/uploads\/acte-carmen-calvo-octubre-2019-armengol-pere-joan-cosme-susanna-alfonso-300x200.jpg 300w, https:\/\/www.psib-psoe.org\/mallorca\/wp-content\/uploads\/acte-carmen-calvo-octubre-2019-armengol-pere-joan-cosme-susanna-alfonso-768x512.jpg 768w, https:\/\/www.psib-psoe.org\/mallorca\/wp-content\/uploads\/acte-carmen-calvo-octubre-2019-armengol-pere-joan-cosme-susanna-alfonso-150x100.jpg 150w, https:\/\/www.psib-psoe.org\/mallorca\/wp-content\/uploads\/acte-carmen-calvo-octubre-2019-armengol-pere-joan-cosme-susanna-alfonso-900x600.jpg 900w, https:\/\/www.psib-psoe.org\/mallorca\/wp-content\/uploads\/acte-carmen-calvo-octubre-2019-armengol-pere-joan-cosme-susanna-alfonso-20x13.jpg 20w, https:\/\/www.psib-psoe.org\/mallorca\/wp-content\/uploads\/acte-carmen-calvo-octubre-2019-armengol-pere-joan-cosme-susanna-alfonso.jpg 1000w\" sizes=\"(max-width: 600px) 100vw, 600px\" \/><\/figure>\n\t\t<div class=\"blog-top\">\n\t\t\t<header class=\"post-title entry-header\">\n\t\t\t\t<aside class=\"post-meta cf\">\n\t\t27\/10\/2019 \/ <a href=\"https:\/\/www.psib-psoe.org\/mallorca\/category\/federacio-de-mallorca\/\" rel=\"category tag\">Federaci\u00f3 de Mallorca<\/a>, <a href=\"https:\/\/www.psib-psoe.org\/mallorca\/category\/municipis\/\" rel=\"category tag\">Municipis<\/a><\/aside>\n\t\t\t\t<h3 itemprop=\"headline\"><a href=\"https:\/\/www.psib-psoe.org\/mallorca\/carmen-calvo-som-la-garantia-del-futur-a-espanya-i-a-les-illes-balears\/\" title=\"Carmen Calvo: \u201cSom la garantia del futur a Espanya i a les Illes Balears\u201d\">Carmen Calvo: \u201cSom la garantia del futur a Espanya i a les Illes Balears\u201d<\/a><\/h3>\n\t\t\t<\/header>\n\t\t<\/div>\n\t\t<div class=\"post-content\">\n\t\t\t<a href=\"https:\/\/www.psib-psoe.org\/mallorca\/carmen-calvo-som-la-garantia-del-futur-a-espanya-i-a-les-illes-balears\/\" class=\"more-link\">Read More<\/a>\n\t\t<\/div>\n\t\t\t<aside class=\"post-bottom-meta hide\">\n\t\t<strong rel=\"author\" itemprop=\"author\" class=\"author vcard\"><span class=\"fn\">adminpsib<\/span><\/strong>\n\t\t<time class=\"date published time\" datetime=\"2019-10-27T15:14:44+02:00\" itemprop=\"datePublished\" content=\"2019-10-27T15:14:44+02:00\">27\/10\/2019<\/time>\n\t\t<meta itemprop=\"dateModified\" class=\"date updated\" content=\"2020-01-08T14:30:08+02:00\">\n\t\t<span class=\"hide\" itemprop=\"publisher\" itemscope itemtype=\"https:\/\/schema.org\/Organization\">\n\t\t\t<meta itemprop=\"name\" content=\"SocialistesdMca\">\n\t\t\t<span itemprop=\"logo\" itemscope itemtype=\"https:\/\/schema.org\/ImageObject\">\n\t\t\t\t<meta itemprop=\"url\" content=\"https:\/\/www.psib-psoe.org\/mallorca\/wp-content\/themes\/notio-wp\/assets\/img\/logo.png\">\n\t\t\t<\/span>\n\t\t\t<meta itemprop=\"url\" content=\"https:\/\/www.psib-psoe.org\/mallorca\/\">\n\t\t<\/span>\n\t\t\t\t<span class=\"hide\" itemprop=\"image\" itemscope itemtype=\"http:\/\/schema.org\/ImageObject\">\n\t\t\t<meta itemprop=\"url\" content=\"https:\/\/www.psib-psoe.org\/mallorca\/wp-content\/uploads\/acte-carmen-calvo-octubre-2019-armengol-pere-joan-cosme-susanna-alfonso.jpg\">\n\t\t\t<meta itemprop=\"width\" content=\"1000\">\n\t\t\t<meta itemprop=\"height\" content=\"667\">\n\t\t<\/span>\n\t\t\t\t<meta itemscope itemprop=\"mainEntityOfPage\" itemtype=\"https:\/\/schema.org\/WebPage\" itemid=\"https:\/\/www.psib-psoe.org\/mallorca\/carmen-calvo-som-la-garantia-del-futur-a-espanya-i-a-les-illes-balears\/\">\n\t<\/aside>\n\t\t<\/article>\n<\/div>\n<div class=\"small-12 large-4 columns\">\n\t<article itemscope itemtype=\"http:\/\/schema.org\/Article\" class=\"post blog-style7 alt post-24101 type-post status-publish format-standard has-post-thumbnail hentry category-federacio-de-mallorca category-municipis\" role=\"article\">\n\t\t<figure class=\"post-gallery\"><img loading=\"lazy\" decoding=\"async\" width=\"600\" height=\"400\" src=\"https:\/\/www.psib-psoe.org\/mallorca\/wp-content\/uploads\/Pere-Joan-Pons-i-Cosme-Bonet-a-Bunyola-600x400.jpg\" class=\"attachment-notio-general-x2 size-notio-general-x2 wp-post-image\" alt=\"\" srcset=\"https:\/\/www.psib-psoe.org\/mallorca\/wp-content\/uploads\/Pere-Joan-Pons-i-Cosme-Bonet-a-Bunyola-600x400.jpg 600w, https:\/\/www.psib-psoe.org\/mallorca\/wp-content\/uploads\/Pere-Joan-Pons-i-Cosme-Bonet-a-Bunyola-300x200.jpg 300w, https:\/\/www.psib-psoe.org\/mallorca\/wp-content\/uploads\/Pere-Joan-Pons-i-Cosme-Bonet-a-Bunyola-900x600.jpg 900w, https:\/\/www.psib-psoe.org\/mallorca\/wp-content\/uploads\/Pere-Joan-Pons-i-Cosme-Bonet-a-Bunyola-20x13.jpg 20w\" sizes=\"(max-width: 600px) 100vw, 600px\" \/><\/figure>\n\t\t<div class=\"blog-top\">\n\t\t\t<header class=\"post-title entry-header\">\n\t\t\t\t<aside class=\"post-meta cf\">\n\t\t24\/10\/2019 \/ <a href=\"https:\/\/www.psib-psoe.org\/mallorca\/category\/federacio-de-mallorca\/\" rel=\"category tag\">Federaci\u00f3 de Mallorca<\/a>, <a href=\"https:\/\/www.psib-psoe.org\/mallorca\/category\/municipis\/\" rel=\"category tag\">Municipis<\/a><\/aside>\n\t\t\t\t<h3 itemprop=\"headline\"><a href=\"https:\/\/www.psib-psoe.org\/mallorca\/pere-joan-pons-el-10-de-novembre-decidim-si-volem-que-sigui-president-pedro-sanchez-o-pablo-casado-no-hi-ha-mes-opcions\/\" title=\"Pere Joan Pons: \u201cEl 10 de novembre decidim si volem que sigui president Pedro S\u00e1nchez o Pablo Casado, no hi ha m\u00e9s opcions\u201d\">Pere Joan Pons: \u201cEl 10 de novembre decidim si volem que sigui president Pedro S\u00e1nchez o Pablo Casado, no hi ha m\u00e9s opcions\u201d<\/a><\/h3>\n\t\t\t<\/header>\n\t\t<\/div>\n\t\t<div class=\"post-content\">\n\t\t\t<a href=\"https:\/\/www.psib-psoe.org\/mallorca\/pere-joan-pons-el-10-de-novembre-decidim-si-volem-que-sigui-president-pedro-sanchez-o-pablo-casado-no-hi-ha-mes-opcions\/\" class=\"more-link\">Read More<\/a>\n\t\t<\/div>\n\t\t\t<aside class=\"post-bottom-meta hide\">\n\t\t<strong rel=\"author\" itemprop=\"author\" class=\"author vcard\"><span class=\"fn\">adminpsib<\/span><\/strong>\n\t\t<time class=\"date published time\" datetime=\"2019-10-24T11:28:36+02:00\" itemprop=\"datePublished\" content=\"2019-10-24T11:28:36+02:00\">24\/10\/2019<\/time>\n\t\t<meta itemprop=\"dateModified\" class=\"date updated\" content=\"2020-01-08T14:30:28+02:00\">\n\t\t<span class=\"hide\" itemprop=\"publisher\" itemscope itemtype=\"https:\/\/schema.org\/Organization\">\n\t\t\t<meta itemprop=\"name\" content=\"SocialistesdMca\">\n\t\t\t<span itemprop=\"logo\" itemscope itemtype=\"https:\/\/schema.org\/ImageObject\">\n\t\t\t\t<meta itemprop=\"url\" content=\"https:\/\/www.psib-psoe.org\/mallorca\/wp-content\/themes\/notio-wp\/assets\/img\/logo.png\">\n\t\t\t<\/span>\n\t\t\t<meta itemprop=\"url\" content=\"https:\/\/www.psib-psoe.org\/mallorca\/\">\n\t\t<\/span>\n\t\t\t\t<span class=\"hide\" itemprop=\"image\" itemscope itemtype=\"http:\/\/schema.org\/ImageObject\">\n\t\t\t<meta itemprop=\"url\" content=\"https:\/\/www.psib-psoe.org\/mallorca\/wp-content\/uploads\/Pere-Joan-Pons-i-Cosme-Bonet-a-Bunyola.jpg\">\n\t\t\t<meta itemprop=\"width\" content=\"1000\">\n\t\t\t<meta itemprop=\"height\" content=\"750\">\n\t\t<\/span>\n\t\t\t\t<meta itemscope itemprop=\"mainEntityOfPage\" itemtype=\"https:\/\/schema.org\/WebPage\" itemid=\"https:\/\/www.psib-psoe.org\/mallorca\/pere-joan-pons-el-10-de-novembre-decidim-si-volem-que-sigui-president-pedro-sanchez-o-pablo-casado-no-hi-ha-mes-opcions\/\">\n\t<\/aside>\n\t\t<\/article>\n<\/div>\n<div class=\"small-12 large-4 columns\">\n\t<article itemscope itemtype=\"http:\/\/schema.org\/Article\" class=\"post blog-style7 alt post-24098 type-post status-publish format-standard has-post-thumbnail hentry category-federacio-de-mallorca category-municipis\" role=\"article\">\n\t\t<figure class=\"post-gallery\"><img loading=\"lazy\" decoding=\"async\" width=\"600\" height=\"400\" src=\"https:\/\/www.psib-psoe.org\/mallorca\/wp-content\/uploads\/sopar-comarcal-marratxi-octubre-2019-600x400.jpg\" class=\"attachment-notio-general-x2 size-notio-general-x2 wp-post-image\" alt=\"\" srcset=\"https:\/\/www.psib-psoe.org\/mallorca\/wp-content\/uploads\/sopar-comarcal-marratxi-octubre-2019-600x400.jpg 600w, https:\/\/www.psib-psoe.org\/mallorca\/wp-content\/uploads\/sopar-comarcal-marratxi-octubre-2019-300x200.jpg 300w, https:\/\/www.psib-psoe.org\/mallorca\/wp-content\/uploads\/sopar-comarcal-marratxi-octubre-2019-900x600.jpg 900w, https:\/\/www.psib-psoe.org\/mallorca\/wp-content\/uploads\/sopar-comarcal-marratxi-octubre-2019-20x13.jpg 20w\" sizes=\"(max-width: 600px) 100vw, 600px\" \/><\/figure>\n\t\t<div class=\"blog-top\">\n\t\t\t<header class=\"post-title entry-header\">\n\t\t\t\t<aside class=\"post-meta cf\">\n\t\t23\/10\/2019 \/ <a href=\"https:\/\/www.psib-psoe.org\/mallorca\/category\/federacio-de-mallorca\/\" rel=\"category tag\">Federaci\u00f3 de Mallorca<\/a>, <a href=\"https:\/\/www.psib-psoe.org\/mallorca\/category\/municipis\/\" rel=\"category tag\">Municipis<\/a><\/aside>\n\t\t\t\t<h3 itemprop=\"headline\"><a href=\"https:\/\/www.psib-psoe.org\/mallorca\/el-psib-psoe-fa-una-crida-a-combatre-labstencio-per-tornar-a-guanyar-les-eleccions-i-canviar-la-realitat-per-a-les-generacions-futures\/\" title=\"El PSIB-PSOE fa una crida a combatre l\u2019abstenci\u00f3 \u201cper tornar a guanyar les eleccions i canviar la realitat per a les generacions futures\u201d\">El PSIB-PSOE fa una crida a combatre l\u2019abstenci\u00f3 \u201cper tornar a guanyar les eleccions i canviar la realitat per a les generacions futures\u201d<\/a><\/h3>\n\t\t\t<\/header>\n\t\t<\/div>\n\t\t<div class=\"post-content\">\n\t\t\t<a href=\"https:\/\/www.psib-psoe.org\/mallorca\/el-psib-psoe-fa-una-crida-a-combatre-labstencio-per-tornar-a-guanyar-les-eleccions-i-canviar-la-realitat-per-a-les-generacions-futures\/\" class=\"more-link\">Read More<\/a>\n\t\t<\/div>\n\t\t\t<aside class=\"post-bottom-meta hide\">\n\t\t<strong rel=\"author\" itemprop=\"author\" class=\"author vcard\"><span class=\"fn\">adminpsib<\/span><\/strong>\n\t\t<time class=\"date published time\" datetime=\"2019-10-23T09:51:40+02:00\" itemprop=\"datePublished\" content=\"2019-10-23T09:51:40+02:00\">23\/10\/2019<\/time>\n\t\t<meta itemprop=\"dateModified\" class=\"date updated\" content=\"2020-01-08T14:30:39+02:00\">\n\t\t<span class=\"hide\" itemprop=\"publisher\" itemscope itemtype=\"https:\/\/schema.org\/Organization\">\n\t\t\t<meta itemprop=\"name\" content=\"SocialistesdMca\">\n\t\t\t<span itemprop=\"logo\" itemscope itemtype=\"https:\/\/schema.org\/ImageObject\">\n\t\t\t\t<meta itemprop=\"url\" content=\"https:\/\/www.psib-psoe.org\/mallorca\/wp-content\/themes\/notio-wp\/assets\/img\/logo.png\">\n\t\t\t<\/span>\n\t\t\t<meta itemprop=\"url\" content=\"https:\/\/www.psib-psoe.org\/mallorca\/\">\n\t\t<\/span>\n\t\t\t\t<span class=\"hide\" itemprop=\"image\" itemscope itemtype=\"http:\/\/schema.org\/ImageObject\">\n\t\t\t<meta itemprop=\"url\" content=\"https:\/\/www.psib-psoe.org\/mallorca\/wp-content\/uploads\/sopar-comarcal-marratxi-octubre-2019.jpg\">\n\t\t\t<meta itemprop=\"width\" content=\"1000\">\n\t\t\t<meta itemprop=\"height\" content=\"750\">\n\t\t<\/span>\n\t\t\t\t<meta itemscope itemprop=\"mainEntityOfPage\" itemtype=\"https:\/\/schema.org\/WebPage\" itemid=\"https:\/\/www.psib-psoe.org\/mallorca\/el-psib-psoe-fa-una-crida-a-combatre-labstencio-per-tornar-a-guanyar-les-eleccions-i-canviar-la-realitat-per-a-les-generacions-futures\/\">\n\t<\/aside>\n\t\t<\/article>\n<\/div>\n<div class=\"small-12 large-4 columns\">\n\t<article itemscope itemtype=\"http:\/\/schema.org\/Article\" class=\"post blog-style7 alt post-24093 type-post status-publish format-standard has-post-thumbnail hentry category-federacio-de-mallorca category-municipis\" role=\"article\">\n\t\t<figure class=\"post-gallery\"><img loading=\"lazy\" decoding=\"async\" width=\"600\" height=\"400\" src=\"https:\/\/www.psib-psoe.org\/mallorca\/wp-content\/uploads\/Assemblea-de-batles-i-batlesses-de-Mallorca-600x400.jpg\" class=\"attachment-notio-general-x2 size-notio-general-x2 wp-post-image\" alt=\"\" srcset=\"https:\/\/www.psib-psoe.org\/mallorca\/wp-content\/uploads\/Assemblea-de-batles-i-batlesses-de-Mallorca-600x400.jpg 600w, https:\/\/www.psib-psoe.org\/mallorca\/wp-content\/uploads\/Assemblea-de-batles-i-batlesses-de-Mallorca-300x200.jpg 300w, https:\/\/www.psib-psoe.org\/mallorca\/wp-content\/uploads\/Assemblea-de-batles-i-batlesses-de-Mallorca-20x13.jpg 20w, https:\/\/www.psib-psoe.org\/mallorca\/wp-content\/uploads\/Assemblea-de-batles-i-batlesses-de-Mallorca-900x600.jpg 900w\" sizes=\"(max-width: 600px) 100vw, 600px\" \/><\/figure>\n\t\t<div class=\"blog-top\">\n\t\t\t<header class=\"post-title entry-header\">\n\t\t\t\t<aside class=\"post-meta cf\">\n\t\t19\/10\/2019 \/ <a href=\"https:\/\/www.psib-psoe.org\/mallorca\/category\/federacio-de-mallorca\/\" rel=\"category tag\">Federaci\u00f3 de Mallorca<\/a>, <a href=\"https:\/\/www.psib-psoe.org\/mallorca\/category\/municipis\/\" rel=\"category tag\">Municipis<\/a><\/aside>\n\t\t\t\t<h3 itemprop=\"headline\"><a href=\"https:\/\/www.psib-psoe.org\/mallorca\/pere-joan-pons-el-millor-que-li-pot-passar-a-espanya-es-tenir-un-govern-fort-estable-i-capac-de-fer-front-als-reptes-que-tenim-presidit-per-pedro-sanchez\/\" title=\"Pere Joan Pons: \u201cEl millor que li pot passar a Espanya \u00e9s tenir un Govern fort, estable i capa\u00e7 de fer front als reptes que tenim, presidit per Pedro S\u00e1nchez\u201d\">Pere Joan Pons: \u201cEl millor que li pot passar a Espanya \u00e9s tenir un Govern fort, estable i capa\u00e7 de fer front als reptes que tenim, presidit per Pedro S\u00e1nchez\u201d<\/a><\/h3>\n\t\t\t<\/header>\n\t\t<\/div>\n\t\t<div class=\"post-content\">\n\t\t\t<a href=\"https:\/\/www.psib-psoe.org\/mallorca\/pere-joan-pons-el-millor-que-li-pot-passar-a-espanya-es-tenir-un-govern-fort-estable-i-capac-de-fer-front-als-reptes-que-tenim-presidit-per-pedro-sanchez\/\" class=\"more-link\">Read More<\/a>\n\t\t<\/div>\n\t\t\t<aside class=\"post-bottom-meta hide\">\n\t\t<strong rel=\"author\" itemprop=\"author\" class=\"author vcard\"><span class=\"fn\">adminpsib<\/span><\/strong>\n\t\t<time class=\"date published time\" datetime=\"2019-10-19T12:07:25+02:00\" itemprop=\"datePublished\" content=\"2019-10-19T12:07:25+02:00\">19\/10\/2019<\/time>\n\t\t<meta itemprop=\"dateModified\" class=\"date updated\" content=\"2020-01-08T14:30:53+02:00\">\n\t\t<span class=\"hide\" itemprop=\"publisher\" itemscope itemtype=\"https:\/\/schema.org\/Organization\">\n\t\t\t<meta itemprop=\"name\" content=\"SocialistesdMca\">\n\t\t\t<span itemprop=\"logo\" itemscope itemtype=\"https:\/\/schema.org\/ImageObject\">\n\t\t\t\t<meta itemprop=\"url\" content=\"https:\/\/www.psib-psoe.org\/mallorca\/wp-content\/themes\/notio-wp\/assets\/img\/logo.png\">\n\t\t\t<\/span>\n\t\t\t<meta itemprop=\"url\" content=\"https:\/\/www.psib-psoe.org\/mallorca\/\">\n\t\t<\/span>\n\t\t\t\t<span class=\"hide\" itemprop=\"image\" itemscope itemtype=\"http:\/\/schema.org\/ImageObject\">\n\t\t\t<meta itemprop=\"url\" content=\"https:\/\/www.psib-psoe.org\/mallorca\/wp-content\/uploads\/Assemblea-de-batles-i-batlesses-de-Mallorca.jpg\">\n\t\t\t<meta itemprop=\"width\" content=\"1000\">\n\t\t\t<meta itemprop=\"height\" content=\"648\">\n\t\t<\/span>\n\t\t\t\t<meta itemscope itemprop=\"mainEntityOfPage\" itemtype=\"https:\/\/schema.org\/WebPage\" itemid=\"https:\/\/www.psib-psoe.org\/mallorca\/pere-joan-pons-el-millor-que-li-pot-passar-a-espanya-es-tenir-un-govern-fort-estable-i-capac-de-fer-front-als-reptes-que-tenim-presidit-per-pedro-sanchez\/\">\n\t<\/aside>\n\t\t<\/article>\n<\/div>\n<div class=\"small-12 large-4 columns\">\n\t<article itemscope itemtype=\"http:\/\/schema.org\/Article\" class=\"post blog-style7 alt post-24443 type-post status-publish format-standard has-post-thumbnail hentry category-federacio-de-mallorca category-municipis\" role=\"article\">\n\t\t<figure class=\"post-gallery\"><img loading=\"lazy\" decoding=\"async\" width=\"600\" height=\"400\" src=\"https:\/\/www.psib-psoe.org\/mallorca\/wp-content\/uploads\/acte-reyes-maroto-alcudia-octubre-2019-2-600x400.jpg\" class=\"attachment-notio-general-x2 size-notio-general-x2 wp-post-image\" alt=\"\" srcset=\"https:\/\/www.psib-psoe.org\/mallorca\/wp-content\/uploads\/acte-reyes-maroto-alcudia-octubre-2019-2-600x400.jpg 600w, https:\/\/www.psib-psoe.org\/mallorca\/wp-content\/uploads\/acte-reyes-maroto-alcudia-octubre-2019-2-300x200.jpg 300w, https:\/\/www.psib-psoe.org\/mallorca\/wp-content\/uploads\/acte-reyes-maroto-alcudia-octubre-2019-2-900x600.jpg 900w, https:\/\/www.psib-psoe.org\/mallorca\/wp-content\/uploads\/acte-reyes-maroto-alcudia-octubre-2019-2-20x13.jpg 20w\" sizes=\"(max-width: 600px) 100vw, 600px\" \/><\/figure>\n\t\t<div class=\"blog-top\">\n\t\t\t<header class=\"post-title entry-header\">\n\t\t\t\t<aside class=\"post-meta cf\">\n\t\t18\/10\/2019 \/ <a href=\"https:\/\/www.psib-psoe.org\/mallorca\/category\/federacio-de-mallorca\/\" rel=\"category tag\">Federaci\u00f3 de Mallorca<\/a>, <a href=\"https:\/\/www.psib-psoe.org\/mallorca\/category\/municipis\/\" rel=\"category tag\">Municipis<\/a><\/aside>\n\t\t\t\t<h3 itemprop=\"headline\"><a href=\"https:\/\/www.psib-psoe.org\/mallorca\/maroto-tenim-el-projecte-les-idees-i-els-equips-ara-nomes-ens-falta-omplir-les-urnes-de-vots\/\" title=\"Maroto: \u201cTenim el projecte, les idees i els equips; ara nom\u00e9s ens falta omplir les urnes de vots\u201d\">Maroto: \u201cTenim el projecte, les idees i els equips; ara nom\u00e9s ens falta omplir les urnes de vots\u201d<\/a><\/h3>\n\t\t\t<\/header>\n\t\t<\/div>\n\t\t<div class=\"post-content\">\n\t\t\t<a href=\"https:\/\/www.psib-psoe.org\/mallorca\/maroto-tenim-el-projecte-les-idees-i-els-equips-ara-nomes-ens-falta-omplir-les-urnes-de-vots\/\" class=\"more-link\">Read More<\/a>\n\t\t<\/div>\n\t\t\t<aside class=\"post-bottom-meta hide\">\n\t\t<strong rel=\"author\" itemprop=\"author\" class=\"author vcard\"><span class=\"fn\">adminpsib<\/span><\/strong>\n\t\t<time class=\"date published time\" datetime=\"2019-10-18T21:46:11+02:00\" itemprop=\"datePublished\" content=\"2019-10-18T21:46:11+02:00\">18\/10\/2019<\/time>\n\t\t<meta itemprop=\"dateModified\" class=\"date updated\" content=\"2020-01-08T14:31:06+02:00\">\n\t\t<span class=\"hide\" itemprop=\"publisher\" itemscope itemtype=\"https:\/\/schema.org\/Organization\">\n\t\t\t<meta itemprop=\"name\" content=\"SocialistesdMca\">\n\t\t\t<span itemprop=\"logo\" itemscope itemtype=\"https:\/\/schema.org\/ImageObject\">\n\t\t\t\t<meta itemprop=\"url\" content=\"https:\/\/www.psib-psoe.org\/mallorca\/wp-content\/themes\/notio-wp\/assets\/img\/logo.png\">\n\t\t\t<\/span>\n\t\t\t<meta itemprop=\"url\" content=\"https:\/\/www.psib-psoe.org\/mallorca\/\">\n\t\t<\/span>\n\t\t\t\t<span class=\"hide\" itemprop=\"image\" itemscope itemtype=\"http:\/\/schema.org\/ImageObject\">\n\t\t\t<meta itemprop=\"url\" content=\"https:\/\/www.psib-psoe.org\/mallorca\/wp-content\/uploads\/acte-reyes-maroto-alcudia-octubre-2019-2.jpg\">\n\t\t\t<meta itemprop=\"width\" content=\"1000\">\n\t\t\t<meta itemprop=\"height\" content=\"750\">\n\t\t<\/span>\n\t\t\t\t<meta itemscope itemprop=\"mainEntityOfPage\" itemtype=\"https:\/\/schema.org\/WebPage\" itemid=\"https:\/\/www.psib-psoe.org\/mallorca\/maroto-tenim-el-projecte-les-idees-i-els-equips-ara-nomes-ens-falta-omplir-les-urnes-de-vots\/\">\n\t<\/aside>\n\t\t<\/article>\n<\/div>\n<div class=\"small-12 large-4 columns\">\n\t<article itemscope itemtype=\"http:\/\/schema.org\/Article\" class=\"post blog-style7 alt post-24090 type-post status-publish format-standard has-post-thumbnail hentry category-federacio-de-mallorca category-municipis\" role=\"article\">\n\t\t<figure class=\"post-gallery\"><img loading=\"lazy\" decoding=\"async\" width=\"600\" height=\"400\" src=\"https:\/\/www.psib-psoe.org\/mallorca\/wp-content\/uploads\/Bonet-i-Garrido-Ses-Salines-600x400.jpg\" class=\"attachment-notio-general-x2 size-notio-general-x2 wp-post-image\" alt=\"\" srcset=\"https:\/\/www.psib-psoe.org\/mallorca\/wp-content\/uploads\/Bonet-i-Garrido-Ses-Salines-600x400.jpg 600w, https:\/\/www.psib-psoe.org\/mallorca\/wp-content\/uploads\/Bonet-i-Garrido-Ses-Salines-300x200.jpg 300w, https:\/\/www.psib-psoe.org\/mallorca\/wp-content\/uploads\/Bonet-i-Garrido-Ses-Salines-900x600.jpg 900w, https:\/\/www.psib-psoe.org\/mallorca\/wp-content\/uploads\/Bonet-i-Garrido-Ses-Salines-20x13.jpg 20w\" sizes=\"(max-width: 600px) 100vw, 600px\" \/><\/figure>\n\t\t<div class=\"blog-top\">\n\t\t\t<header class=\"post-title entry-header\">\n\t\t\t\t<aside class=\"post-meta cf\">\n\t\t18\/10\/2019 \/ <a href=\"https:\/\/www.psib-psoe.org\/mallorca\/category\/federacio-de-mallorca\/\" rel=\"category tag\">Federaci\u00f3 de Mallorca<\/a>, <a href=\"https:\/\/www.psib-psoe.org\/mallorca\/category\/municipis\/\" rel=\"category tag\">Municipis<\/a><\/aside>\n\t\t\t\t<h3 itemprop=\"headline\"><a href=\"https:\/\/www.psib-psoe.org\/mallorca\/cosme-bonet-adverteix-que-per-aconseguir-una-majoria-progressista-que-formi-govern-a-espanya-necessitam-una-victoria-clara-del-psoe-el-10n\/\" title=\"Cosme Bonet adverteix que \u201cper aconseguir una majoria progressista que formi govern a Espanya necessitam una vict\u00f2ria clara del PSOE el 10N\u201d\">Cosme Bonet adverteix que \u201cper aconseguir una majoria progressista que formi govern a Espanya necessitam una vict\u00f2ria clara del PSOE el 10N\u201d<\/a><\/h3>\n\t\t\t<\/header>\n\t\t<\/div>\n\t\t<div class=\"post-content\">\n\t\t\t<a href=\"https:\/\/www.psib-psoe.org\/mallorca\/cosme-bonet-adverteix-que-per-aconseguir-una-majoria-progressista-que-formi-govern-a-espanya-necessitam-una-victoria-clara-del-psoe-el-10n\/\" class=\"more-link\">Read More<\/a>\n\t\t<\/div>\n\t\t\t<aside class=\"post-bottom-meta hide\">\n\t\t<strong rel=\"author\" itemprop=\"author\" class=\"author vcard\"><span class=\"fn\">adminpsib<\/span><\/strong>\n\t\t<time class=\"date published time\" datetime=\"2019-10-18T10:50:03+02:00\" itemprop=\"datePublished\" content=\"2019-10-18T10:50:03+02:00\">18\/10\/2019<\/time>\n\t\t<meta itemprop=\"dateModified\" class=\"date updated\" content=\"2020-01-08T14:34:41+02:00\">\n\t\t<span class=\"hide\" itemprop=\"publisher\" itemscope itemtype=\"https:\/\/schema.org\/Organization\">\n\t\t\t<meta itemprop=\"name\" content=\"SocialistesdMca\">\n\t\t\t<span itemprop=\"logo\" itemscope itemtype=\"https:\/\/schema.org\/ImageObject\">\n\t\t\t\t<meta itemprop=\"url\" content=\"https:\/\/www.psib-psoe.org\/mallorca\/wp-content\/themes\/notio-wp\/assets\/img\/logo.png\">\n\t\t\t<\/span>\n\t\t\t<meta itemprop=\"url\" content=\"https:\/\/www.psib-psoe.org\/mallorca\/\">\n\t\t<\/span>\n\t\t\t\t<span class=\"hide\" itemprop=\"image\" itemscope itemtype=\"http:\/\/schema.org\/ImageObject\">\n\t\t\t<meta itemprop=\"url\" content=\"https:\/\/www.psib-psoe.org\/mallorca\/wp-content\/uploads\/Bonet-i-Garrido-Ses-Salines.jpg\">\n\t\t\t<meta itemprop=\"width\" content=\"1000\">\n\t\t\t<meta itemprop=\"height\" content=\"941\">\n\t\t<\/span>\n\t\t\t\t<meta itemscope itemprop=\"mainEntityOfPage\" itemtype=\"https:\/\/schema.org\/WebPage\" itemid=\"https:\/\/www.psib-psoe.org\/mallorca\/cosme-bonet-adverteix-que-per-aconseguir-una-majoria-progressista-que-formi-govern-a-espanya-necessitam-una-victoria-clara-del-psoe-el-10n\/\">\n\t<\/aside>\n\t\t<\/article>\n<\/div>\n<div class=\"small-12 large-4 columns\">\n\t<article itemscope itemtype=\"http:\/\/schema.org\/Article\" class=\"post blog-style7 alt post-24087 type-post status-publish format-standard has-post-thumbnail hentry category-federacio-de-mallorca category-municipis\" role=\"article\">\n\t\t<figure class=\"post-gallery\"><img loading=\"lazy\" decoding=\"async\" width=\"600\" height=\"400\" src=\"https:\/\/www.psib-psoe.org\/mallorca\/wp-content\/uploads\/silvia-cano-pere-joan-pons-susanna-moll-andratx-octubre-2019-600x400.jpg\" class=\"attachment-notio-general-x2 size-notio-general-x2 wp-post-image\" alt=\"\" srcset=\"https:\/\/www.psib-psoe.org\/mallorca\/wp-content\/uploads\/silvia-cano-pere-joan-pons-susanna-moll-andratx-octubre-2019-600x400.jpg 600w, https:\/\/www.psib-psoe.org\/mallorca\/wp-content\/uploads\/silvia-cano-pere-joan-pons-susanna-moll-andratx-octubre-2019-300x200.jpg 300w, https:\/\/www.psib-psoe.org\/mallorca\/wp-content\/uploads\/silvia-cano-pere-joan-pons-susanna-moll-andratx-octubre-2019-900x600.jpg 900w, https:\/\/www.psib-psoe.org\/mallorca\/wp-content\/uploads\/silvia-cano-pere-joan-pons-susanna-moll-andratx-octubre-2019-20x13.jpg 20w\" sizes=\"(max-width: 600px) 100vw, 600px\" \/><\/figure>\n\t\t<div class=\"blog-top\">\n\t\t\t<header class=\"post-title entry-header\">\n\t\t\t\t<aside class=\"post-meta cf\">\n\t\t17\/10\/2019 \/ <a href=\"https:\/\/www.psib-psoe.org\/mallorca\/category\/federacio-de-mallorca\/\" rel=\"category tag\">Federaci\u00f3 de Mallorca<\/a>, <a href=\"https:\/\/www.psib-psoe.org\/mallorca\/category\/municipis\/\" rel=\"category tag\">Municipis<\/a><\/aside>\n\t\t\t\t<h3 itemprop=\"headline\"><a href=\"https:\/\/www.psib-psoe.org\/mallorca\/susanna-moll-a-la-dreta-li-conve-que-no-parlem-dels-problemes-reals-de-la-gent\/\" title=\"Susanna Moll: \u201cA la dreta li conv\u00e9 que no parlem dels problemes reals de la gent\u201d\">Susanna Moll: \u201cA la dreta li conv\u00e9 que no parlem dels problemes reals de la gent\u201d<\/a><\/h3>\n\t\t\t<\/header>\n\t\t<\/div>\n\t\t<div class=\"post-content\">\n\t\t\t<a href=\"https:\/\/www.psib-psoe.org\/mallorca\/susanna-moll-a-la-dreta-li-conve-que-no-parlem-dels-problemes-reals-de-la-gent\/\" class=\"more-link\">Read More<\/a>\n\t\t<\/div>\n\t\t\t<aside class=\"post-bottom-meta hide\">\n\t\t<strong rel=\"author\" itemprop=\"author\" class=\"author vcard\"><span class=\"fn\">adminpsib<\/span><\/strong>\n\t\t<time class=\"date published time\" datetime=\"2019-10-17T11:23:44+02:00\" itemprop=\"datePublished\" content=\"2019-10-17T11:23:44+02:00\">17\/10\/2019<\/time>\n\t\t<meta itemprop=\"dateModified\" class=\"date updated\" content=\"2020-01-08T14:34:53+02:00\">\n\t\t<span class=\"hide\" itemprop=\"publisher\" itemscope itemtype=\"https:\/\/schema.org\/Organization\">\n\t\t\t<meta itemprop=\"name\" content=\"SocialistesdMca\">\n\t\t\t<span itemprop=\"logo\" itemscope itemtype=\"https:\/\/schema.org\/ImageObject\">\n\t\t\t\t<meta itemprop=\"url\" content=\"https:\/\/www.psib-psoe.org\/mallorca\/wp-content\/themes\/notio-wp\/assets\/img\/logo.png\">\n\t\t\t<\/span>\n\t\t\t<meta itemprop=\"url\" content=\"https:\/\/www.psib-psoe.org\/mallorca\/\">\n\t\t<\/span>\n\t\t\t\t<span class=\"hide\" itemprop=\"image\" itemscope itemtype=\"http:\/\/schema.org\/ImageObject\">\n\t\t\t<meta itemprop=\"url\" content=\"https:\/\/www.psib-psoe.org\/mallorca\/wp-content\/uploads\/silvia-cano-pere-joan-pons-susanna-moll-andratx-octubre-2019.jpg\">\n\t\t\t<meta itemprop=\"width\" content=\"1000\">\n\t\t\t<meta itemprop=\"height\" content=\"750\">\n\t\t<\/span>\n\t\t\t\t<meta itemscope itemprop=\"mainEntityOfPage\" itemtype=\"https:\/\/schema.org\/WebPage\" itemid=\"https:\/\/www.psib-psoe.org\/mallorca\/susanna-moll-a-la-dreta-li-conve-que-no-parlem-dels-problemes-reals-de-la-gent\/\">\n\t<\/aside>\n\t\t<\/article>\n<\/div>\n<div class=\"small-12 large-4 columns\">\n\t<article itemscope itemtype=\"http:\/\/schema.org\/Article\" class=\"post blog-style7 alt post-24084 type-post status-publish format-standard has-post-thumbnail hentry category-federacio-de-mallorca category-municipis\" role=\"article\">\n\t\t<figure class=\"post-gallery\"><img loading=\"lazy\" decoding=\"async\" width=\"600\" height=\"400\" src=\"https:\/\/www.psib-psoe.org\/mallorca\/wp-content\/uploads\/pere-joan-pons-cosme-bonet-assemblea-calvia-octubre-2019-600x400.jpg\" class=\"attachment-notio-general-x2 size-notio-general-x2 wp-post-image\" alt=\"\" srcset=\"https:\/\/www.psib-psoe.org\/mallorca\/wp-content\/uploads\/pere-joan-pons-cosme-bonet-assemblea-calvia-octubre-2019-600x400.jpg 600w, https:\/\/www.psib-psoe.org\/mallorca\/wp-content\/uploads\/pere-joan-pons-cosme-bonet-assemblea-calvia-octubre-2019-300x200.jpg 300w, https:\/\/www.psib-psoe.org\/mallorca\/wp-content\/uploads\/pere-joan-pons-cosme-bonet-assemblea-calvia-octubre-2019-900x600.jpg 900w, https:\/\/www.psib-psoe.org\/mallorca\/wp-content\/uploads\/pere-joan-pons-cosme-bonet-assemblea-calvia-octubre-2019-20x13.jpg 20w\" sizes=\"(max-width: 600px) 100vw, 600px\" \/><\/figure>\n\t\t<div class=\"blog-top\">\n\t\t\t<header class=\"post-title entry-header\">\n\t\t\t\t<aside class=\"post-meta cf\">\n\t\t15\/10\/2019 \/ <a href=\"https:\/\/www.psib-psoe.org\/mallorca\/category\/federacio-de-mallorca\/\" rel=\"category tag\">Federaci\u00f3 de Mallorca<\/a>, <a href=\"https:\/\/www.psib-psoe.org\/mallorca\/category\/municipis\/\" rel=\"category tag\">Municipis<\/a><\/aside>\n\t\t\t\t<h3 itemprop=\"headline\"><a href=\"https:\/\/www.psib-psoe.org\/mallorca\/pere-joan-pons-abstenir-se-el-10-de-novembre-es-el-mateix-que-votar-la-dreta-i-lextrema-dreta\/\" title=\"Pere Joan Pons: \u201cAbstenir-se el 10 de novembre \u00e9s el mateix que votar la dreta i l\u2019extrema dreta\u201d\">Pere Joan Pons: \u201cAbstenir-se el 10 de novembre \u00e9s el mateix que votar la dreta i l\u2019extrema dreta\u201d<\/a><\/h3>\n\t\t\t<\/header>\n\t\t<\/div>\n\t\t<div class=\"post-content\">\n\t\t\t<a href=\"https:\/\/www.psib-psoe.org\/mallorca\/pere-joan-pons-abstenir-se-el-10-de-novembre-es-el-mateix-que-votar-la-dreta-i-lextrema-dreta\/\" class=\"more-link\">Read More<\/a>\n\t\t<\/div>\n\t\t\t<aside class=\"post-bottom-meta hide\">\n\t\t<strong rel=\"author\" itemprop=\"author\" class=\"author vcard\"><span class=\"fn\">adminpsib<\/span><\/strong>\n\t\t<time class=\"date published time\" datetime=\"2019-10-15T11:05:33+02:00\" itemprop=\"datePublished\" content=\"2019-10-15T11:05:33+02:00\">15\/10\/2019<\/time>\n\t\t<meta itemprop=\"dateModified\" class=\"date updated\" content=\"2020-01-08T14:35:08+02:00\">\n\t\t<span class=\"hide\" itemprop=\"publisher\" itemscope itemtype=\"https:\/\/schema.org\/Organization\">\n\t\t\t<meta itemprop=\"name\" content=\"SocialistesdMca\">\n\t\t\t<span itemprop=\"logo\" itemscope itemtype=\"https:\/\/schema.org\/ImageObject\">\n\t\t\t\t<meta itemprop=\"url\" content=\"https:\/\/www.psib-psoe.org\/mallorca\/wp-content\/themes\/notio-wp\/assets\/img\/logo.png\">\n\t\t\t<\/span>\n\t\t\t<meta itemprop=\"url\" content=\"https:\/\/www.psib-psoe.org\/mallorca\/\">\n\t\t<\/span>\n\t\t\t\t<span class=\"hide\" itemprop=\"image\" itemscope itemtype=\"http:\/\/schema.org\/ImageObject\">\n\t\t\t<meta itemprop=\"url\" content=\"https:\/\/www.psib-psoe.org\/mallorca\/wp-content\/uploads\/pere-joan-pons-cosme-bonet-assemblea-calvia-octubre-2019.jpg\">\n\t\t\t<meta itemprop=\"width\" content=\"1000\">\n\t\t\t<meta itemprop=\"height\" content=\"750\">\n\t\t<\/span>\n\t\t\t\t<meta itemscope itemprop=\"mainEntityOfPage\" itemtype=\"https:\/\/schema.org\/WebPage\" itemid=\"https:\/\/www.psib-psoe.org\/mallorca\/pere-joan-pons-abstenir-se-el-10-de-novembre-es-el-mateix-que-votar-la-dreta-i-lextrema-dreta\/\">\n\t<\/aside>\n\t\t<\/article>\n<\/div>\n<div class=\"small-12 large-4 columns\">\n\t<article itemscope itemtype=\"http:\/\/schema.org\/Article\" class=\"post blog-style7 alt post-24081 type-post status-publish format-standard has-post-thumbnail hentry category-federacio-de-mallorca category-municipis\" role=\"article\">\n\t\t<figure class=\"post-gallery\"><img loading=\"lazy\" decoding=\"async\" width=\"600\" height=\"400\" src=\"https:\/\/www.psib-psoe.org\/mallorca\/wp-content\/uploads\/pere-joan-pons-jose-hila-cosme-bonet-mercedes-garrido-cati-calafat-25-aniversari-palma-nord-600x400.jpg\" class=\"attachment-notio-general-x2 size-notio-general-x2 wp-post-image\" alt=\"\" srcset=\"https:\/\/www.psib-psoe.org\/mallorca\/wp-content\/uploads\/pere-joan-pons-jose-hila-cosme-bonet-mercedes-garrido-cati-calafat-25-aniversari-palma-nord-600x400.jpg 600w, https:\/\/www.psib-psoe.org\/mallorca\/wp-content\/uploads\/pere-joan-pons-jose-hila-cosme-bonet-mercedes-garrido-cati-calafat-25-aniversari-palma-nord-300x200.jpg 300w, https:\/\/www.psib-psoe.org\/mallorca\/wp-content\/uploads\/pere-joan-pons-jose-hila-cosme-bonet-mercedes-garrido-cati-calafat-25-aniversari-palma-nord-768x511.jpg 768w, https:\/\/www.psib-psoe.org\/mallorca\/wp-content\/uploads\/pere-joan-pons-jose-hila-cosme-bonet-mercedes-garrido-cati-calafat-25-aniversari-palma-nord-150x100.jpg 150w, https:\/\/www.psib-psoe.org\/mallorca\/wp-content\/uploads\/pere-joan-pons-jose-hila-cosme-bonet-mercedes-garrido-cati-calafat-25-aniversari-palma-nord-900x600.jpg 900w, https:\/\/www.psib-psoe.org\/mallorca\/wp-content\/uploads\/pere-joan-pons-jose-hila-cosme-bonet-mercedes-garrido-cati-calafat-25-aniversari-palma-nord-20x13.jpg 20w, https:\/\/www.psib-psoe.org\/mallorca\/wp-content\/uploads\/pere-joan-pons-jose-hila-cosme-bonet-mercedes-garrido-cati-calafat-25-aniversari-palma-nord.jpg 1000w\" sizes=\"(max-width: 600px) 100vw, 600px\" \/><\/figure>\n\t\t<div class=\"blog-top\">\n\t\t\t<header class=\"post-title entry-header\">\n\t\t\t\t<aside class=\"post-meta cf\">\n\t\t12\/10\/2019 \/ <a href=\"https:\/\/www.psib-psoe.org\/mallorca\/category\/federacio-de-mallorca\/\" rel=\"category tag\">Federaci\u00f3 de Mallorca<\/a>, <a href=\"https:\/\/www.psib-psoe.org\/mallorca\/category\/municipis\/\" rel=\"category tag\">Municipis<\/a><\/aside>\n\t\t\t\t<h3 itemprop=\"headline\"><a href=\"https:\/\/www.psib-psoe.org\/mallorca\/el-psib-psoe-demana-batallar-labstencio-per-defensar-els-drets-i-les-llibertats-que-tant-ens-ha-costat-aconseguir\/\" title=\"El PSIB-PSOE demana \u201cbatallar\u201d l\u2019abstenci\u00f3 per defensar \u201cels drets i les llibertats que tant ens ha costat aconseguir\u201d\">El PSIB-PSOE demana \u201cbatallar\u201d l\u2019abstenci\u00f3 per defensar \u201cels drets i les llibertats que tant ens ha costat aconseguir\u201d<\/a><\/h3>\n\t\t\t<\/header>\n\t\t<\/div>\n\t\t<div class=\"post-content\">\n\t\t\t<a href=\"https:\/\/www.psib-psoe.org\/mallorca\/el-psib-psoe-demana-batallar-labstencio-per-defensar-els-drets-i-les-llibertats-que-tant-ens-ha-costat-aconseguir\/\" class=\"more-link\">Read More<\/a>\n\t\t<\/div>\n\t\t\t<aside class=\"post-bottom-meta hide\">\n\t\t<strong rel=\"author\" itemprop=\"author\" class=\"author vcard\"><span class=\"fn\">adminpsib<\/span><\/strong>\n\t\t<time class=\"date published time\" datetime=\"2019-10-12T10:11:22+02:00\" itemprop=\"datePublished\" content=\"2019-10-12T10:11:22+02:00\">12\/10\/2019<\/time>\n\t\t<meta itemprop=\"dateModified\" class=\"date updated\" content=\"2020-01-08T14:35:18+02:00\">\n\t\t<span class=\"hide\" itemprop=\"publisher\" itemscope itemtype=\"https:\/\/schema.org\/Organization\">\n\t\t\t<meta itemprop=\"name\" content=\"SocialistesdMca\">\n\t\t\t<span itemprop=\"logo\" itemscope itemtype=\"https:\/\/schema.org\/ImageObject\">\n\t\t\t\t<meta itemprop=\"url\" content=\"https:\/\/www.psib-psoe.org\/mallorca\/wp-content\/themes\/notio-wp\/assets\/img\/logo.png\">\n\t\t\t<\/span>\n\t\t\t<meta itemprop=\"url\" content=\"https:\/\/www.psib-psoe.org\/mallorca\/\">\n\t\t<\/span>\n\t\t\t\t<span class=\"hide\" itemprop=\"image\" itemscope itemtype=\"http:\/\/schema.org\/ImageObject\">\n\t\t\t<meta itemprop=\"url\" content=\"https:\/\/www.psib-psoe.org\/mallorca\/wp-content\/uploads\/pere-joan-pons-jose-hila-cosme-bonet-mercedes-garrido-cati-calafat-25-aniversari-palma-nord.jpg\">\n\t\t\t<meta itemprop=\"width\" content=\"1000\">\n\t\t\t<meta itemprop=\"height\" content=\"666\">\n\t\t<\/span>\n\t\t\t\t<meta itemscope itemprop=\"mainEntityOfPage\" itemtype=\"https:\/\/schema.org\/WebPage\" itemid=\"https:\/\/www.psib-psoe.org\/mallorca\/el-psib-psoe-demana-batallar-labstencio-per-defensar-els-drets-i-les-llibertats-que-tant-ens-ha-costat-aconseguir\/\">\n\t<\/aside>\n\t\t<\/article>\n<\/div>\n<div class=\"small-12 large-4 columns\">\n\t<article itemscope itemtype=\"http:\/\/schema.org\/Article\" class=\"post blog-style7 alt post-24078 type-post status-publish format-standard has-post-thumbnail hentry category-federacio-de-mallorca category-municipis\" role=\"article\">\n\t\t<figure class=\"post-gallery\"><img loading=\"lazy\" decoding=\"async\" width=\"600\" height=\"400\" src=\"https:\/\/www.psib-psoe.org\/mallorca\/wp-content\/uploads\/sopar-comarcal-ariany-precampanya-10-novembre-francina-pere-joan-cosme-susanna-600x400.jpg\" class=\"attachment-notio-general-x2 size-notio-general-x2 wp-post-image\" alt=\"\" srcset=\"https:\/\/www.psib-psoe.org\/mallorca\/wp-content\/uploads\/sopar-comarcal-ariany-precampanya-10-novembre-francina-pere-joan-cosme-susanna-600x400.jpg 600w, https:\/\/www.psib-psoe.org\/mallorca\/wp-content\/uploads\/sopar-comarcal-ariany-precampanya-10-novembre-francina-pere-joan-cosme-susanna-300x200.jpg 300w, https:\/\/www.psib-psoe.org\/mallorca\/wp-content\/uploads\/sopar-comarcal-ariany-precampanya-10-novembre-francina-pere-joan-cosme-susanna-900x600.jpg 900w, https:\/\/www.psib-psoe.org\/mallorca\/wp-content\/uploads\/sopar-comarcal-ariany-precampanya-10-novembre-francina-pere-joan-cosme-susanna-20x13.jpg 20w\" sizes=\"(max-width: 600px) 100vw, 600px\" \/><\/figure>\n\t\t<div class=\"blog-top\">\n\t\t\t<header class=\"post-title entry-header\">\n\t\t\t\t<aside class=\"post-meta cf\">\n\t\t11\/10\/2019 \/ <a href=\"https:\/\/www.psib-psoe.org\/mallorca\/category\/federacio-de-mallorca\/\" rel=\"category tag\">Federaci\u00f3 de Mallorca<\/a>, <a href=\"https:\/\/www.psib-psoe.org\/mallorca\/category\/municipis\/\" rel=\"category tag\">Municipis<\/a><\/aside>\n\t\t\t\t<h3 itemprop=\"headline\"><a href=\"https:\/\/www.psib-psoe.org\/mallorca\/pere-joan-pons-el-10-de-novembre-tornarem-a-fer-historia\/\" title=\"Pere Joan Pons: \u201cEl 10 de novembre tornarem a fer hist\u00f2ria\u201d\">Pere Joan Pons: \u201cEl 10 de novembre tornarem a fer hist\u00f2ria\u201d<\/a><\/h3>\n\t\t\t<\/header>\n\t\t<\/div>\n\t\t<div class=\"post-content\">\n\t\t\t<a href=\"https:\/\/www.psib-psoe.org\/mallorca\/pere-joan-pons-el-10-de-novembre-tornarem-a-fer-historia\/\" class=\"more-link\">Read More<\/a>\n\t\t<\/div>\n\t\t\t<aside class=\"post-bottom-meta hide\">\n\t\t<strong rel=\"author\" itemprop=\"author\" class=\"author vcard\"><span class=\"fn\">adminpsib<\/span><\/strong>\n\t\t<time class=\"date published time\" datetime=\"2019-10-11T09:12:56+02:00\" itemprop=\"datePublished\" content=\"2019-10-11T09:12:56+02:00\">11\/10\/2019<\/time>\n\t\t<meta itemprop=\"dateModified\" class=\"date updated\" content=\"2020-01-08T14:35:34+02:00\">\n\t\t<span class=\"hide\" itemprop=\"publisher\" itemscope itemtype=\"https:\/\/schema.org\/Organization\">\n\t\t\t<meta itemprop=\"name\" content=\"SocialistesdMca\">\n\t\t\t<span itemprop=\"logo\" itemscope itemtype=\"https:\/\/schema.org\/ImageObject\">\n\t\t\t\t<meta itemprop=\"url\" content=\"https:\/\/www.psib-psoe.org\/mallorca\/wp-content\/themes\/notio-wp\/assets\/img\/logo.png\">\n\t\t\t<\/span>\n\t\t\t<meta itemprop=\"url\" content=\"https:\/\/www.psib-psoe.org\/mallorca\/\">\n\t\t<\/span>\n\t\t\t\t<span class=\"hide\" itemprop=\"image\" itemscope itemtype=\"http:\/\/schema.org\/ImageObject\">\n\t\t\t<meta itemprop=\"url\" content=\"https:\/\/www.psib-psoe.org\/mallorca\/wp-content\/uploads\/sopar-comarcal-ariany-precampanya-10-novembre-francina-pere-joan-cosme-susanna.jpg\">\n\t\t\t<meta itemprop=\"width\" content=\"1000\">\n\t\t\t<meta itemprop=\"height\" content=\"750\">\n\t\t<\/span>\n\t\t\t\t<meta itemscope itemprop=\"mainEntityOfPage\" itemtype=\"https:\/\/schema.org\/WebPage\" itemid=\"https:\/\/www.psib-psoe.org\/mallorca\/pere-joan-pons-el-10-de-novembre-tornarem-a-fer-historia\/\">\n\t<\/aside>\n\t\t<\/article>\n<\/div>\n<div class=\"small-12 large-4 columns\">\n\t<article itemscope itemtype=\"http:\/\/schema.org\/Article\" class=\"post blog-style7 alt post-24049 type-post status-publish format-standard has-post-thumbnail hentry category-federacio-de-mallorca category-municipis\" role=\"article\">\n\t\t<figure class=\"post-gallery\"><img loading=\"lazy\" decoding=\"async\" width=\"600\" height=\"400\" src=\"https:\/\/www.psib-psoe.org\/mallorca\/wp-content\/uploads\/Cosme-Bonet-a-Sant-Lloren\u00e7-001-600x400.jpg\" class=\"attachment-notio-general-x2 size-notio-general-x2 wp-post-image\" alt=\"\" srcset=\"https:\/\/www.psib-psoe.org\/mallorca\/wp-content\/uploads\/Cosme-Bonet-a-Sant-Lloren\u00e7-001-600x400.jpg 600w, https:\/\/www.psib-psoe.org\/mallorca\/wp-content\/uploads\/Cosme-Bonet-a-Sant-Lloren\u00e7-001-300x200.jpg 300w, https:\/\/www.psib-psoe.org\/mallorca\/wp-content\/uploads\/Cosme-Bonet-a-Sant-Lloren\u00e7-001-20x13.jpg 20w\" sizes=\"(max-width: 600px) 100vw, 600px\" \/><\/figure>\n\t\t<div class=\"blog-top\">\n\t\t\t<header class=\"post-title entry-header\">\n\t\t\t\t<aside class=\"post-meta cf\">\n\t\t04\/10\/2019 \/ <a href=\"https:\/\/www.psib-psoe.org\/mallorca\/category\/federacio-de-mallorca\/\" rel=\"category tag\">Federaci\u00f3 de Mallorca<\/a>, <a href=\"https:\/\/www.psib-psoe.org\/mallorca\/category\/municipis\/\" rel=\"category tag\">Municipis<\/a><\/aside>\n\t\t\t\t<h3 itemprop=\"headline\"><a href=\"https:\/\/www.psib-psoe.org\/mallorca\/cosme-bonet-anar-a-votar-el-10n-no-es-cap-drama-es-un-privilegi-perque-molts-no-pogueren-votar-durant-40-anys\/\" title=\"Cosme Bonet: \u201cAnar a votar el 10N no \u00e9s cap drama, \u00e9s un privilegi, perqu\u00e8 molts no pogueren votar durant 40 anys\u201d\">Cosme Bonet: \u201cAnar a votar el 10N no \u00e9s cap drama, \u00e9s un privilegi, perqu\u00e8 molts no pogueren votar durant 40 anys\u201d<\/a><\/h3>\n\t\t\t<\/header>\n\t\t<\/div>\n\t\t<div class=\"post-content\">\n\t\t\t<a href=\"https:\/\/www.psib-psoe.org\/mallorca\/cosme-bonet-anar-a-votar-el-10n-no-es-cap-drama-es-un-privilegi-perque-molts-no-pogueren-votar-durant-40-anys\/\" class=\"more-link\">Read More<\/a>\n\t\t<\/div>\n\t\t\t<aside class=\"post-bottom-meta hide\">\n\t\t<strong rel=\"author\" itemprop=\"author\" class=\"author vcard\"><span class=\"fn\">Marc<\/span><\/strong>\n\t\t<time class=\"date published time\" datetime=\"2019-10-04T14:49:29+02:00\" itemprop=\"datePublished\" content=\"2019-10-04T14:49:29+02:00\">04\/10\/2019<\/time>\n\t\t<meta itemprop=\"dateModified\" class=\"date updated\" content=\"2020-01-08T14:35:55+02:00\">\n\t\t<span class=\"hide\" itemprop=\"publisher\" itemscope itemtype=\"https:\/\/schema.org\/Organization\">\n\t\t\t<meta itemprop=\"name\" content=\"SocialistesdMca\">\n\t\t\t<span itemprop=\"logo\" itemscope itemtype=\"https:\/\/schema.org\/ImageObject\">\n\t\t\t\t<meta itemprop=\"url\" content=\"https:\/\/www.psib-psoe.org\/mallorca\/wp-content\/themes\/notio-wp\/assets\/img\/logo.png\">\n\t\t\t<\/span>\n\t\t\t<meta itemprop=\"url\" content=\"https:\/\/www.psib-psoe.org\/mallorca\/\">\n\t\t<\/span>\n\t\t\t\t<span class=\"hide\" itemprop=\"image\" itemscope itemtype=\"http:\/\/schema.org\/ImageObject\">\n\t\t\t<meta itemprop=\"url\" content=\"https:\/\/www.psib-psoe.org\/mallorca\/wp-content\/uploads\/Cosme-Bonet-a-Sant-Lloren\u00e7-001.jpg\">\n\t\t\t<meta itemprop=\"width\" content=\"1000\">\n\t\t\t<meta itemprop=\"height\" content=\"548\">\n\t\t<\/span>\n\t\t\t\t<meta itemscope itemprop=\"mainEntityOfPage\" itemtype=\"https:\/\/schema.org\/WebPage\" itemid=\"https:\/\/www.psib-psoe.org\/mallorca\/cosme-bonet-anar-a-votar-el-10n-no-es-cap-drama-es-un-privilegi-perque-molts-no-pogueren-votar-durant-40-anys\/\">\n\t<\/aside>\n\t\t<\/article>\n<\/div>\n<div class=\"small-12 large-4 columns\">\n\t<article itemscope itemtype=\"http:\/\/schema.org\/Article\" class=\"post blog-style7 alt post-24446 type-post status-publish format-standard has-post-thumbnail hentry category-federacio-de-mallorca\" role=\"article\">\n\t\t<figure class=\"post-gallery\"><img loading=\"lazy\" decoding=\"async\" width=\"600\" height=\"400\" src=\"https:\/\/www.psib-psoe.org\/mallorca\/wp-content\/uploads\/20191003_RODA-DE-PREMSA-ELECCIONS-10N-600x400.jpg\" class=\"attachment-notio-general-x2 size-notio-general-x2 wp-post-image\" alt=\"\" srcset=\"https:\/\/www.psib-psoe.org\/mallorca\/wp-content\/uploads\/20191003_RODA-DE-PREMSA-ELECCIONS-10N-600x400.jpg 600w, https:\/\/www.psib-psoe.org\/mallorca\/wp-content\/uploads\/20191003_RODA-DE-PREMSA-ELECCIONS-10N-300x200.jpg 300w, https:\/\/www.psib-psoe.org\/mallorca\/wp-content\/uploads\/20191003_RODA-DE-PREMSA-ELECCIONS-10N-900x600.jpg 900w, https:\/\/www.psib-psoe.org\/mallorca\/wp-content\/uploads\/20191003_RODA-DE-PREMSA-ELECCIONS-10N-20x13.jpg 20w\" sizes=\"(max-width: 600px) 100vw, 600px\" \/><\/figure>\n\t\t<div class=\"blog-top\">\n\t\t\t<header class=\"post-title entry-header\">\n\t\t\t\t<aside class=\"post-meta cf\">\n\t\t03\/10\/2019 \/ <a href=\"https:\/\/www.psib-psoe.org\/mallorca\/category\/federacio-de-mallorca\/\" rel=\"category tag\">Federaci\u00f3 de Mallorca<\/a><\/aside>\n\t\t\t\t<h3 itemprop=\"headline\"><a href=\"https:\/\/www.psib-psoe.org\/mallorca\/el-psib-psoe-demana-maxima-mobilitzacio-el-10n-per-avancar-amb-un-govern-progressista-solid-i-estable\/\" title=\"El PSIB-PSOE demana m\u00e0xima mobilitzaci\u00f3 el 10N per \u201cavan\u00e7ar amb un govern progressista s\u00f2lid i estable\u201d\">El PSIB-PSOE demana m\u00e0xima mobilitzaci\u00f3 el 10N per \u201cavan\u00e7ar amb un govern progressista s\u00f2lid i estable\u201d<\/a><\/h3>\n\t\t\t<\/header>\n\t\t<\/div>\n\t\t<div class=\"post-content\">\n\t\t\t<a href=\"https:\/\/www.psib-psoe.org\/mallorca\/el-psib-psoe-demana-maxima-mobilitzacio-el-10n-per-avancar-amb-un-govern-progressista-solid-i-estable\/\" class=\"more-link\">Read More<\/a>\n\t\t<\/div>\n\t\t\t<aside class=\"post-bottom-meta hide\">\n\t\t<strong rel=\"author\" itemprop=\"author\" class=\"author vcard\"><span class=\"fn\">adminpsib<\/span><\/strong>\n\t\t<time class=\"date published time\" datetime=\"2019-10-03T13:58:38+02:00\" itemprop=\"datePublished\" content=\"2019-10-03T13:58:38+02:00\">03\/10\/2019<\/time>\n\t\t<meta itemprop=\"dateModified\" class=\"date updated\" content=\"2020-01-08T14:36:12+02:00\">\n\t\t<span class=\"hide\" itemprop=\"publisher\" itemscope itemtype=\"https:\/\/schema.org\/Organization\">\n\t\t\t<meta itemprop=\"name\" content=\"SocialistesdMca\">\n\t\t\t<span itemprop=\"logo\" itemscope itemtype=\"https:\/\/schema.org\/ImageObject\">\n\t\t\t\t<meta itemprop=\"url\" content=\"https:\/\/www.psib-psoe.org\/mallorca\/wp-content\/themes\/notio-wp\/assets\/img\/logo.png\">\n\t\t\t<\/span>\n\t\t\t<meta itemprop=\"url\" content=\"https:\/\/www.psib-psoe.org\/mallorca\/\">\n\t\t<\/span>\n\t\t\t\t<span class=\"hide\" itemprop=\"image\" itemscope itemtype=\"http:\/\/schema.org\/ImageObject\">\n\t\t\t<meta itemprop=\"url\" content=\"https:\/\/www.psib-psoe.org\/mallorca\/wp-content\/uploads\/20191003_RODA-DE-PREMSA-ELECCIONS-10N.jpg\">\n\t\t\t<meta itemprop=\"width\" content=\"4032\">\n\t\t\t<meta itemprop=\"height\" content=\"3024\">\n\t\t<\/span>\n\t\t\t\t<meta itemscope itemprop=\"mainEntityOfPage\" itemtype=\"https:\/\/schema.org\/WebPage\" itemid=\"https:\/\/www.psib-psoe.org\/mallorca\/el-psib-psoe-demana-maxima-mobilitzacio-el-10n-per-avancar-amb-un-govern-progressista-solid-i-estable\/\">\n\t<\/aside>\n\t\t<\/article>\n<\/div>\n<div class=\"small-12 large-4 columns\">\n\t<article itemscope itemtype=\"http:\/\/schema.org\/Article\" class=\"post blog-style7 alt post-24026 type-post status-publish format-standard has-post-thumbnail hentry category-federacio-de-mallorca\" role=\"article\">\n\t\t<figure class=\"post-gallery\"><img loading=\"lazy\" decoding=\"async\" width=\"600\" height=\"400\" src=\"https:\/\/www.psib-psoe.org\/mallorca\/wp-content\/uploads\/Diputats-Congr\u00e9s-600x400.jpg\" class=\"attachment-notio-general-x2 size-notio-general-x2 wp-post-image\" alt=\"\" srcset=\"https:\/\/www.psib-psoe.org\/mallorca\/wp-content\/uploads\/Diputats-Congr\u00e9s-600x400.jpg 600w, https:\/\/www.psib-psoe.org\/mallorca\/wp-content\/uploads\/Diputats-Congr\u00e9s-300x200.jpg 300w, https:\/\/www.psib-psoe.org\/mallorca\/wp-content\/uploads\/Diputats-Congr\u00e9s-900x600.jpg 900w, https:\/\/www.psib-psoe.org\/mallorca\/wp-content\/uploads\/Diputats-Congr\u00e9s-20x13.jpg 20w\" sizes=\"(max-width: 600px) 100vw, 600px\" \/><\/figure>\n\t\t<div class=\"blog-top\">\n\t\t\t<header class=\"post-title entry-header\">\n\t\t\t\t<aside class=\"post-meta cf\">\n\t\t30\/09\/2019 \/ <a href=\"https:\/\/www.psib-psoe.org\/mallorca\/category\/federacio-de-mallorca\/\" rel=\"category tag\">Federaci\u00f3 de Mallorca<\/a><\/aside>\n\t\t\t\t<h3 itemprop=\"headline\"><a href=\"https:\/\/www.psib-psoe.org\/mallorca\/aprovades-les-llistes-del-psib-psoe-per-a-les-eleccions-generals-del-10-de-novembre\/\" title=\"Aprovades les llistes del PSIB-PSOE per a les eleccions generals del 10 de novembre\">Aprovades les llistes del PSIB-PSOE per a les eleccions generals del 10 de novembre<\/a><\/h3>\n\t\t\t<\/header>\n\t\t<\/div>\n\t\t<div class=\"post-content\">\n\t\t\t<a href=\"https:\/\/www.psib-psoe.org\/mallorca\/aprovades-les-llistes-del-psib-psoe-per-a-les-eleccions-generals-del-10-de-novembre\/\" class=\"more-link\">Read More<\/a>\n\t\t<\/div>\n\t\t\t<aside class=\"post-bottom-meta hide\">\n\t\t<strong rel=\"author\" itemprop=\"author\" class=\"author vcard\"><span class=\"fn\">adminpsib<\/span><\/strong>\n\t\t<time class=\"date published time\" datetime=\"2019-09-30T18:40:27+02:00\" itemprop=\"datePublished\" content=\"2019-09-30T18:40:27+02:00\">30\/09\/2019<\/time>\n\t\t<meta itemprop=\"dateModified\" class=\"date updated\" content=\"2019-12-04T13:17:43+02:00\">\n\t\t<span class=\"hide\" itemprop=\"publisher\" itemscope itemtype=\"https:\/\/schema.org\/Organization\">\n\t\t\t<meta itemprop=\"name\" content=\"SocialistesdMca\">\n\t\t\t<span itemprop=\"logo\" itemscope itemtype=\"https:\/\/schema.org\/ImageObject\">\n\t\t\t\t<meta itemprop=\"url\" content=\"https:\/\/www.psib-psoe.org\/mallorca\/wp-content\/themes\/notio-wp\/assets\/img\/logo.png\">\n\t\t\t<\/span>\n\t\t\t<meta itemprop=\"url\" content=\"https:\/\/www.psib-psoe.org\/mallorca\/\">\n\t\t<\/span>\n\t\t\t\t<span class=\"hide\" itemprop=\"image\" itemscope itemtype=\"http:\/\/schema.org\/ImageObject\">\n\t\t\t<meta itemprop=\"url\" content=\"https:\/\/www.psib-psoe.org\/mallorca\/wp-content\/uploads\/Diputats-Congr\u00e9s.jpg\">\n\t\t\t<meta itemprop=\"width\" content=\"1000\">\n\t\t\t<meta itemprop=\"height\" content=\"750\">\n\t\t<\/span>\n\t\t\t\t<meta itemscope itemprop=\"mainEntityOfPage\" itemtype=\"https:\/\/schema.org\/WebPage\" itemid=\"https:\/\/www.psib-psoe.org\/mallorca\/aprovades-les-llistes-del-psib-psoe-per-a-les-eleccions-generals-del-10-de-novembre\/\">\n\t<\/aside>\n\t\t<\/article>\n<\/div>\n<div class=\"small-12 large-4 columns\">\n\t<article itemscope itemtype=\"http:\/\/schema.org\/Article\" class=\"post blog-style7 alt post-24449 type-post status-publish format-standard has-post-thumbnail hentry category-federacio-de-mallorca\" role=\"article\">\n\t\t<figure class=\"post-gallery\"><img loading=\"lazy\" decoding=\"async\" width=\"600\" height=\"400\" src=\"https:\/\/www.psib-psoe.org\/mallorca\/wp-content\/uploads\/Vaga-Mundial-pel-Clima-600x400.jpg\" class=\"attachment-notio-general-x2 size-notio-general-x2 wp-post-image\" alt=\"\" srcset=\"https:\/\/www.psib-psoe.org\/mallorca\/wp-content\/uploads\/Vaga-Mundial-pel-Clima-600x400.jpg 600w, https:\/\/www.psib-psoe.org\/mallorca\/wp-content\/uploads\/Vaga-Mundial-pel-Clima-300x200.jpg 300w, https:\/\/www.psib-psoe.org\/mallorca\/wp-content\/uploads\/Vaga-Mundial-pel-Clima-150x101.jpg 150w, https:\/\/www.psib-psoe.org\/mallorca\/wp-content\/uploads\/Vaga-Mundial-pel-Clima-20x13.jpg 20w, https:\/\/www.psib-psoe.org\/mallorca\/wp-content\/uploads\/Vaga-Mundial-pel-Clima-900x600.jpg 900w\" sizes=\"(max-width: 600px) 100vw, 600px\" \/><\/figure>\n\t\t<div class=\"blog-top\">\n\t\t\t<header class=\"post-title entry-header\">\n\t\t\t\t<aside class=\"post-meta cf\">\n\t\t27\/09\/2019 \/ <a href=\"https:\/\/www.psib-psoe.org\/mallorca\/category\/federacio-de-mallorca\/\" rel=\"category tag\">Federaci\u00f3 de Mallorca<\/a><\/aside>\n\t\t\t\t<h3 itemprop=\"headline\"><a href=\"https:\/\/www.psib-psoe.org\/mallorca\/el-psib-psoe-se-suma-a-la-vaga-mundial-pel-clima-des-del-compromis-de-continuar-sent-pioners-en-la-lluita-contra-el-canvi-climatic\/\" title=\"El PSIB-PSOE se suma a la Vaga Mundial pel Clima des del comprom\u00eds de continuar sent pioners en la lluita contra el canvi clim\u00e0tic\">El PSIB-PSOE se suma a la Vaga Mundial pel Clima des del comprom\u00eds de continuar sent pioners en la lluita contra el canvi clim\u00e0tic<\/a><\/h3>\n\t\t\t<\/header>\n\t\t<\/div>\n\t\t<div class=\"post-content\">\n\t\t\t<a href=\"https:\/\/www.psib-psoe.org\/mallorca\/el-psib-psoe-se-suma-a-la-vaga-mundial-pel-clima-des-del-compromis-de-continuar-sent-pioners-en-la-lluita-contra-el-canvi-climatic\/\" class=\"more-link\">Read More<\/a>\n\t\t<\/div>\n\t\t\t<aside class=\"post-bottom-meta hide\">\n\t\t<strong rel=\"author\" itemprop=\"author\" class=\"author vcard\"><span class=\"fn\">adminpsib<\/span><\/strong>\n\t\t<time class=\"date published time\" datetime=\"2019-09-27T12:25:07+02:00\" itemprop=\"datePublished\" content=\"2019-09-27T12:25:07+02:00\">27\/09\/2019<\/time>\n\t\t<meta itemprop=\"dateModified\" class=\"date updated\" content=\"2020-01-08T14:36:41+02:00\">\n\t\t<span class=\"hide\" itemprop=\"publisher\" itemscope itemtype=\"https:\/\/schema.org\/Organization\">\n\t\t\t<meta itemprop=\"name\" content=\"SocialistesdMca\">\n\t\t\t<span itemprop=\"logo\" itemscope itemtype=\"https:\/\/schema.org\/ImageObject\">\n\t\t\t\t<meta itemprop=\"url\" content=\"https:\/\/www.psib-psoe.org\/mallorca\/wp-content\/themes\/notio-wp\/assets\/img\/logo.png\">\n\t\t\t<\/span>\n\t\t\t<meta itemprop=\"url\" content=\"https:\/\/www.psib-psoe.org\/mallorca\/\">\n\t\t<\/span>\n\t\t\t\t<span class=\"hide\" itemprop=\"image\" itemscope itemtype=\"http:\/\/schema.org\/ImageObject\">\n\t\t\t<meta itemprop=\"url\" content=\"https:\/\/www.psib-psoe.org\/mallorca\/wp-content\/uploads\/Vaga-Mundial-pel-Clima.jpg\">\n\t\t\t<meta itemprop=\"width\" content=\"1000\">\n\t\t\t<meta itemprop=\"height\" content=\"674\">\n\t\t<\/span>\n\t\t\t\t<meta itemscope itemprop=\"mainEntityOfPage\" itemtype=\"https:\/\/schema.org\/WebPage\" itemid=\"https:\/\/www.psib-psoe.org\/mallorca\/el-psib-psoe-se-suma-a-la-vaga-mundial-pel-clima-des-del-compromis-de-continuar-sent-pioners-en-la-lluita-contra-el-canvi-climatic\/\">\n\t<\/aside>\n\t\t<\/article>\n<\/div>\n<div class=\"small-12 large-4 columns\">\n\t<article itemscope itemtype=\"http:\/\/schema.org\/Article\" class=\"post blog-style7 alt post-24018 type-post status-publish format-standard has-post-thumbnail hentry category-federacio-de-mallorca category-municipis\" role=\"article\">\n\t\t<figure class=\"post-gallery\"><img loading=\"lazy\" decoding=\"async\" width=\"600\" height=\"400\" src=\"https:\/\/www.psib-psoe.org\/mallorca\/wp-content\/uploads\/Nova-Executiva-Pollen\u00e7a-600x400.jpg\" class=\"attachment-notio-general-x2 size-notio-general-x2 wp-post-image\" alt=\"\" srcset=\"https:\/\/www.psib-psoe.org\/mallorca\/wp-content\/uploads\/Nova-Executiva-Pollen\u00e7a-600x400.jpg 600w, https:\/\/www.psib-psoe.org\/mallorca\/wp-content\/uploads\/Nova-Executiva-Pollen\u00e7a-300x200.jpg 300w, https:\/\/www.psib-psoe.org\/mallorca\/wp-content\/uploads\/Nova-Executiva-Pollen\u00e7a-20x13.jpg 20w\" sizes=\"(max-width: 600px) 100vw, 600px\" \/><\/figure>\n\t\t<div class=\"blog-top\">\n\t\t\t<header class=\"post-title entry-header\">\n\t\t\t\t<aside class=\"post-meta cf\">\n\t\t25\/09\/2019 \/ <a href=\"https:\/\/www.psib-psoe.org\/mallorca\/category\/federacio-de-mallorca\/\" rel=\"category tag\">Federaci\u00f3 de Mallorca<\/a>, <a href=\"https:\/\/www.psib-psoe.org\/mallorca\/category\/municipis\/\" rel=\"category tag\">Municipis<\/a><\/aside>\n\t\t\t\t<h3 itemprop=\"headline\"><a href=\"https:\/\/www.psib-psoe.org\/mallorca\/antoni-canaves-es-elegit-nou-secretari-general-dels-socialistes-de-pollenca\/\" title=\"Antoni C\u00e0naves \u00e9s elegit nou secretari general dels Socialistes de Pollen\u00e7a\">Antoni C\u00e0naves \u00e9s elegit nou secretari general dels Socialistes de Pollen\u00e7a<\/a><\/h3>\n\t\t\t<\/header>\n\t\t<\/div>\n\t\t<div class=\"post-content\">\n\t\t\t<a href=\"https:\/\/www.psib-psoe.org\/mallorca\/antoni-canaves-es-elegit-nou-secretari-general-dels-socialistes-de-pollenca\/\" class=\"more-link\">Read More<\/a>\n\t\t<\/div>\n\t\t\t<aside class=\"post-bottom-meta hide\">\n\t\t<strong rel=\"author\" itemprop=\"author\" class=\"author vcard\"><span class=\"fn\">adminpsib<\/span><\/strong>\n\t\t<time class=\"date published time\" datetime=\"2019-09-25T11:33:18+02:00\" itemprop=\"datePublished\" content=\"2019-09-25T11:33:18+02:00\">25\/09\/2019<\/time>\n\t\t<meta itemprop=\"dateModified\" class=\"date updated\" content=\"2019-12-04T13:18:05+02:00\">\n\t\t<span class=\"hide\" itemprop=\"publisher\" itemscope itemtype=\"https:\/\/schema.org\/Organization\">\n\t\t\t<meta itemprop=\"name\" content=\"SocialistesdMca\">\n\t\t\t<span itemprop=\"logo\" itemscope itemtype=\"https:\/\/schema.org\/ImageObject\">\n\t\t\t\t<meta itemprop=\"url\" content=\"https:\/\/www.psib-psoe.org\/mallorca\/wp-content\/themes\/notio-wp\/assets\/img\/logo.png\">\n\t\t\t<\/span>\n\t\t\t<meta itemprop=\"url\" content=\"https:\/\/www.psib-psoe.org\/mallorca\/\">\n\t\t<\/span>\n\t\t\t\t<span class=\"hide\" itemprop=\"image\" itemscope itemtype=\"http:\/\/schema.org\/ImageObject\">\n\t\t\t<meta itemprop=\"url\" content=\"https:\/\/www.psib-psoe.org\/mallorca\/wp-content\/uploads\/Nova-Executiva-Pollen\u00e7a.jpg\">\n\t\t\t<meta itemprop=\"width\" content=\"1000\">\n\t\t\t<meta itemprop=\"height\" content=\"563\">\n\t\t<\/span>\n\t\t\t\t<meta itemscope itemprop=\"mainEntityOfPage\" itemtype=\"https:\/\/schema.org\/WebPage\" itemid=\"https:\/\/www.psib-psoe.org\/mallorca\/antoni-canaves-es-elegit-nou-secretari-general-dels-socialistes-de-pollenca\/\">\n\t<\/aside>\n\t\t<\/article>\n<\/div>\n<div class=\"small-12 large-4 columns\">\n\t<article itemscope itemtype=\"http:\/\/schema.org\/Article\" class=\"post blog-style7 alt post-24452 type-post status-publish format-standard has-post-thumbnail hentry category-federacio-de-mallorca category-municipis\" role=\"article\">\n\t\t<figure class=\"post-gallery\"><img loading=\"lazy\" decoding=\"async\" width=\"600\" height=\"400\" src=\"https:\/\/www.psib-psoe.org\/mallorca\/wp-content\/uploads\/Aturem-les-viol\u00e8ncies-masclistes-600x400.jpg\" class=\"attachment-notio-general-x2 size-notio-general-x2 wp-post-image\" alt=\"\" srcset=\"https:\/\/www.psib-psoe.org\/mallorca\/wp-content\/uploads\/Aturem-les-viol\u00e8ncies-masclistes-600x400.jpg 600w, https:\/\/www.psib-psoe.org\/mallorca\/wp-content\/uploads\/Aturem-les-viol\u00e8ncies-masclistes-300x200.jpg 300w, https:\/\/www.psib-psoe.org\/mallorca\/wp-content\/uploads\/Aturem-les-viol\u00e8ncies-masclistes-900x600.jpg 900w, https:\/\/www.psib-psoe.org\/mallorca\/wp-content\/uploads\/Aturem-les-viol\u00e8ncies-masclistes-20x13.jpg 20w\" sizes=\"(max-width: 600px) 100vw, 600px\" \/><\/figure>\n\t\t<div class=\"blog-top\">\n\t\t\t<header class=\"post-title entry-header\">\n\t\t\t\t<aside class=\"post-meta cf\">\n\t\t22\/09\/2019 \/ <a href=\"https:\/\/www.psib-psoe.org\/mallorca\/category\/federacio-de-mallorca\/\" rel=\"category tag\">Federaci\u00f3 de Mallorca<\/a>, <a href=\"https:\/\/www.psib-psoe.org\/mallorca\/category\/municipis\/\" rel=\"category tag\">Municipis<\/a><\/aside>\n\t\t\t\t<h3 itemprop=\"headline\"><a href=\"https:\/\/www.psib-psoe.org\/mallorca\/el-psib-psoe-condemna-i-rebutja-lassassinat-masclista-duna-dona-a-la-colonia-de-sant-jordi\/\" title=\"El PSIB-PSOE condemna i rebutja l\u2019assassinat masclista d\u2019una dona a la Col\u00f2nia de Sant Jordi\">El PSIB-PSOE condemna i rebutja l\u2019assassinat masclista d\u2019una dona a la Col\u00f2nia de Sant Jordi<\/a><\/h3>\n\t\t\t<\/header>\n\t\t<\/div>\n\t\t<div class=\"post-content\">\n\t\t\t<a href=\"https:\/\/www.psib-psoe.org\/mallorca\/el-psib-psoe-condemna-i-rebutja-lassassinat-masclista-duna-dona-a-la-colonia-de-sant-jordi\/\" class=\"more-link\">Read More<\/a>\n\t\t<\/div>\n\t\t\t<aside class=\"post-bottom-meta hide\">\n\t\t<strong rel=\"author\" itemprop=\"author\" class=\"author vcard\"><span class=\"fn\">adminpsib<\/span><\/strong>\n\t\t<time class=\"date published time\" datetime=\"2019-09-22T10:30:13+02:00\" itemprop=\"datePublished\" content=\"2019-09-22T10:30:13+02:00\">22\/09\/2019<\/time>\n\t\t<meta itemprop=\"dateModified\" class=\"date updated\" content=\"2020-01-08T14:37:12+02:00\">\n\t\t<span class=\"hide\" itemprop=\"publisher\" itemscope itemtype=\"https:\/\/schema.org\/Organization\">\n\t\t\t<meta itemprop=\"name\" content=\"SocialistesdMca\">\n\t\t\t<span itemprop=\"logo\" itemscope itemtype=\"https:\/\/schema.org\/ImageObject\">\n\t\t\t\t<meta itemprop=\"url\" content=\"https:\/\/www.psib-psoe.org\/mallorca\/wp-content\/themes\/notio-wp\/assets\/img\/logo.png\">\n\t\t\t<\/span>\n\t\t\t<meta itemprop=\"url\" content=\"https:\/\/www.psib-psoe.org\/mallorca\/\">\n\t\t<\/span>\n\t\t\t\t<span class=\"hide\" itemprop=\"image\" itemscope itemtype=\"http:\/\/schema.org\/ImageObject\">\n\t\t\t<meta itemprop=\"url\" content=\"https:\/\/www.psib-psoe.org\/mallorca\/wp-content\/uploads\/Aturem-les-viol\u00e8ncies-masclistes.jpg\">\n\t\t\t<meta itemprop=\"width\" content=\"981\">\n\t\t\t<meta itemprop=\"height\" content=\"1000\">\n\t\t<\/span>\n\t\t\t\t<meta itemscope itemprop=\"mainEntityOfPage\" itemtype=\"https:\/\/schema.org\/WebPage\" itemid=\"https:\/\/www.psib-psoe.org\/mallorca\/el-psib-psoe-condemna-i-rebutja-lassassinat-masclista-duna-dona-a-la-colonia-de-sant-jordi\/\">\n\t<\/aside>\n\t\t<\/article>\n<\/div>\n<div class=\"small-12 large-4 columns\">\n\t<article itemscope itemtype=\"http:\/\/schema.org\/Article\" class=\"post blog-style7 alt post-24015 type-post status-publish format-standard has-post-thumbnail hentry category-federacio-de-mallorca category-municipis\" role=\"article\">\n\t\t<figure class=\"post-gallery\"><img loading=\"lazy\" decoding=\"async\" width=\"600\" height=\"400\" src=\"https:\/\/www.psib-psoe.org\/mallorca\/wp-content\/uploads\/catalina-cladera-rafa-ruiz-consell-territorial-femp-sempre-2019-600x400.jpg\" class=\"attachment-notio-general-x2 size-notio-general-x2 wp-post-image\" alt=\"\" srcset=\"https:\/\/www.psib-psoe.org\/mallorca\/wp-content\/uploads\/catalina-cladera-rafa-ruiz-consell-territorial-femp-sempre-2019-600x400.jpg 600w, https:\/\/www.psib-psoe.org\/mallorca\/wp-content\/uploads\/catalina-cladera-rafa-ruiz-consell-territorial-femp-sempre-2019-300x200.jpg 300w, https:\/\/www.psib-psoe.org\/mallorca\/wp-content\/uploads\/catalina-cladera-rafa-ruiz-consell-territorial-femp-sempre-2019-900x600.jpg 900w, https:\/\/www.psib-psoe.org\/mallorca\/wp-content\/uploads\/catalina-cladera-rafa-ruiz-consell-territorial-femp-sempre-2019-20x13.jpg 20w\" sizes=\"(max-width: 600px) 100vw, 600px\" \/><\/figure>\n\t\t<div class=\"blog-top\">\n\t\t\t<header class=\"post-title entry-header\">\n\t\t\t\t<aside class=\"post-meta cf\">\n\t\t21\/09\/2019 \/ <a href=\"https:\/\/www.psib-psoe.org\/mallorca\/category\/federacio-de-mallorca\/\" rel=\"category tag\">Federaci\u00f3 de Mallorca<\/a>, <a href=\"https:\/\/www.psib-psoe.org\/mallorca\/category\/municipis\/\" rel=\"category tag\">Municipis<\/a><\/aside>\n\t\t\t\t<h3 itemprop=\"headline\"><a href=\"https:\/\/www.psib-psoe.org\/mallorca\/catalina-cladera-i-rafa-ruiz-elegits-membres-del-consell-territorial-de-la-femp\/\" title=\"Catalina Cladera i Rafa Ruiz, elegits membres del Consell Territorial de la FEMP\">Catalina Cladera i Rafa Ruiz, elegits membres del Consell Territorial de la FEMP<\/a><\/h3>\n\t\t\t<\/header>\n\t\t<\/div>\n\t\t<div class=\"post-content\">\n\t\t\t<a href=\"https:\/\/www.psib-psoe.org\/mallorca\/catalina-cladera-i-rafa-ruiz-elegits-membres-del-consell-territorial-de-la-femp\/\" class=\"more-link\">Read More<\/a>\n\t\t<\/div>\n\t\t\t<aside class=\"post-bottom-meta hide\">\n\t\t<strong rel=\"author\" itemprop=\"author\" class=\"author vcard\"><span class=\"fn\">adminpsib<\/span><\/strong>\n\t\t<time class=\"date published time\" datetime=\"2019-09-21T18:30:52+02:00\" itemprop=\"datePublished\" content=\"2019-09-21T18:30:52+02:00\">21\/09\/2019<\/time>\n\t\t<meta itemprop=\"dateModified\" class=\"date updated\" content=\"2019-12-04T13:18:48+02:00\">\n\t\t<span class=\"hide\" itemprop=\"publisher\" itemscope itemtype=\"https:\/\/schema.org\/Organization\">\n\t\t\t<meta itemprop=\"name\" content=\"SocialistesdMca\">\n\t\t\t<span itemprop=\"logo\" itemscope itemtype=\"https:\/\/schema.org\/ImageObject\">\n\t\t\t\t<meta itemprop=\"url\" content=\"https:\/\/www.psib-psoe.org\/mallorca\/wp-content\/themes\/notio-wp\/assets\/img\/logo.png\">\n\t\t\t<\/span>\n\t\t\t<meta itemprop=\"url\" content=\"https:\/\/www.psib-psoe.org\/mallorca\/\">\n\t\t<\/span>\n\t\t\t\t<span class=\"hide\" itemprop=\"image\" itemscope itemtype=\"http:\/\/schema.org\/ImageObject\">\n\t\t\t<meta itemprop=\"url\" content=\"https:\/\/www.psib-psoe.org\/mallorca\/wp-content\/uploads\/catalina-cladera-rafa-ruiz-consell-territorial-femp-sempre-2019.jpg\">\n\t\t\t<meta itemprop=\"width\" content=\"1000\">\n\t\t\t<meta itemprop=\"height\" content=\"750\">\n\t\t<\/span>\n\t\t\t\t<meta itemscope itemprop=\"mainEntityOfPage\" itemtype=\"https:\/\/schema.org\/WebPage\" itemid=\"https:\/\/www.psib-psoe.org\/mallorca\/catalina-cladera-i-rafa-ruiz-elegits-membres-del-consell-territorial-de-la-femp\/\">\n\t<\/aside>\n\t\t<\/article>\n<\/div>\n<div class=\"small-12 large-4 columns\">\n\t<article itemscope itemtype=\"http:\/\/schema.org\/Article\" class=\"post blog-style7 alt post-24012 type-post status-publish format-standard has-post-thumbnail hentry category-federacio-de-mallorca category-municipis\" role=\"article\">\n\t\t<figure class=\"post-gallery\"><img loading=\"lazy\" decoding=\"async\" width=\"600\" height=\"400\" src=\"https:\/\/www.psib-psoe.org\/mallorca\/wp-content\/uploads\/20190921_XII-PLENARI-FEMP-600x400.jpg\" class=\"attachment-notio-general-x2 size-notio-general-x2 wp-post-image\" alt=\"\" srcset=\"https:\/\/www.psib-psoe.org\/mallorca\/wp-content\/uploads\/20190921_XII-PLENARI-FEMP-600x400.jpg 600w, https:\/\/www.psib-psoe.org\/mallorca\/wp-content\/uploads\/20190921_XII-PLENARI-FEMP-300x200.jpg 300w, https:\/\/www.psib-psoe.org\/mallorca\/wp-content\/uploads\/20190921_XII-PLENARI-FEMP-20x13.jpg 20w, https:\/\/www.psib-psoe.org\/mallorca\/wp-content\/uploads\/20190921_XII-PLENARI-FEMP-900x600.jpg 900w\" sizes=\"(max-width: 600px) 100vw, 600px\" \/><\/figure>\n\t\t<div class=\"blog-top\">\n\t\t\t<header class=\"post-title entry-header\">\n\t\t\t\t<aside class=\"post-meta cf\">\n\t\t21\/09\/2019 \/ <a href=\"https:\/\/www.psib-psoe.org\/mallorca\/category\/federacio-de-mallorca\/\" rel=\"category tag\">Federaci\u00f3 de Mallorca<\/a>, <a href=\"https:\/\/www.psib-psoe.org\/mallorca\/category\/municipis\/\" rel=\"category tag\">Municipis<\/a><\/aside>\n\t\t\t\t<h3 itemprop=\"headline\"><a href=\"https:\/\/www.psib-psoe.org\/mallorca\/el-psib-psoe-reclama-al-plenari-de-la-femp-la-flexibilitzacio-de-la-regla-de-despesa-per-als-ajuntaments-sanejats\/\" title=\"El PSIB-PSOE reclama al plenari de la FEMP la flexibilitzaci\u00f3 de la regla de despesa per als ajuntaments sanejats\">El PSIB-PSOE reclama al plenari de la FEMP la flexibilitzaci\u00f3 de la regla de despesa per als ajuntaments sanejats<\/a><\/h3>\n\t\t\t<\/header>\n\t\t<\/div>\n\t\t<div class=\"post-content\">\n\t\t\t<a href=\"https:\/\/www.psib-psoe.org\/mallorca\/el-psib-psoe-reclama-al-plenari-de-la-femp-la-flexibilitzacio-de-la-regla-de-despesa-per-als-ajuntaments-sanejats\/\" class=\"more-link\">Read More<\/a>\n\t\t<\/div>\n\t\t\t<aside class=\"post-bottom-meta hide\">\n\t\t<strong rel=\"author\" itemprop=\"author\" class=\"author vcard\"><span class=\"fn\">adminpsib<\/span><\/strong>\n\t\t<time class=\"date published time\" datetime=\"2019-09-21T14:05:08+02:00\" itemprop=\"datePublished\" content=\"2019-09-21T14:05:08+02:00\">21\/09\/2019<\/time>\n\t\t<meta itemprop=\"dateModified\" class=\"date updated\" content=\"2019-12-04T13:20:38+02:00\">\n\t\t<span class=\"hide\" itemprop=\"publisher\" itemscope itemtype=\"https:\/\/schema.org\/Organization\">\n\t\t\t<meta itemprop=\"name\" content=\"SocialistesdMca\">\n\t\t\t<span itemprop=\"logo\" itemscope itemtype=\"https:\/\/schema.org\/ImageObject\">\n\t\t\t\t<meta itemprop=\"url\" content=\"https:\/\/www.psib-psoe.org\/mallorca\/wp-content\/themes\/notio-wp\/assets\/img\/logo.png\">\n\t\t\t<\/span>\n\t\t\t<meta itemprop=\"url\" content=\"https:\/\/www.psib-psoe.org\/mallorca\/\">\n\t\t<\/span>\n\t\t\t\t<span class=\"hide\" itemprop=\"image\" itemscope itemtype=\"http:\/\/schema.org\/ImageObject\">\n\t\t\t<meta itemprop=\"url\" content=\"https:\/\/www.psib-psoe.org\/mallorca\/wp-content\/uploads\/20190921_XII-PLENARI-FEMP.jpg\">\n\t\t\t<meta itemprop=\"width\" content=\"3717\">\n\t\t\t<meta itemprop=\"height\" content=\"2556\">\n\t\t<\/span>\n\t\t\t\t<meta itemscope itemprop=\"mainEntityOfPage\" itemtype=\"https:\/\/schema.org\/WebPage\" itemid=\"https:\/\/www.psib-psoe.org\/mallorca\/el-psib-psoe-reclama-al-plenari-de-la-femp-la-flexibilitzacio-de-la-regla-de-despesa-per-als-ajuntaments-sanejats\/\">\n\t<\/aside>\n\t\t<\/article>\n<\/div>\n<div class=\"small-12 large-4 columns\">\n\t<article itemscope itemtype=\"http:\/\/schema.org\/Article\" class=\"post blog-style7 alt post-24455 type-post status-publish format-standard has-post-thumbnail hentry category-federacio-de-mallorca category-municipis\" role=\"article\">\n\t\t<figure class=\"post-gallery\"><img loading=\"lazy\" decoding=\"async\" width=\"600\" height=\"400\" src=\"https:\/\/www.psib-psoe.org\/mallorca\/wp-content\/uploads\/Parking-Day-2019-600x400.jpg\" class=\"attachment-notio-general-x2 size-notio-general-x2 wp-post-image\" alt=\"\" srcset=\"https:\/\/www.psib-psoe.org\/mallorca\/wp-content\/uploads\/Parking-Day-2019-600x400.jpg 600w, https:\/\/www.psib-psoe.org\/mallorca\/wp-content\/uploads\/Parking-Day-2019-300x200.jpg 300w, https:\/\/www.psib-psoe.org\/mallorca\/wp-content\/uploads\/Parking-Day-2019-900x600.jpg 900w, https:\/\/www.psib-psoe.org\/mallorca\/wp-content\/uploads\/Parking-Day-2019-20x13.jpg 20w\" sizes=\"(max-width: 600px) 100vw, 600px\" \/><\/figure>\n\t\t<div class=\"blog-top\">\n\t\t\t<header class=\"post-title entry-header\">\n\t\t\t\t<aside class=\"post-meta cf\">\n\t\t20\/09\/2019 \/ <a href=\"https:\/\/www.psib-psoe.org\/mallorca\/category\/federacio-de-mallorca\/\" rel=\"category tag\">Federaci\u00f3 de Mallorca<\/a>, <a href=\"https:\/\/www.psib-psoe.org\/mallorca\/category\/municipis\/\" rel=\"category tag\">Municipis<\/a><\/aside>\n\t\t\t\t<h3 itemprop=\"headline\"><a href=\"https:\/\/www.psib-psoe.org\/mallorca\/el-psib-psoe-aposta-per-la-mobilitat-sostenible-durant-el-parking-day-amb-el-compromis-de-continuar-oferint-alternatives-per-deixar-el-cotxe-a-casa\/\" title=\"El PSIB-PSOE aposta per la mobilitat sostenible durant el Parking Day amb el comprom\u00eds \u201cde continuar oferint alternatives per deixar el cotxe a casa\u201d\">El PSIB-PSOE aposta per la mobilitat sostenible durant el Parking Day amb el comprom\u00eds \u201cde continuar oferint alternatives per deixar el cotxe a casa\u201d<\/a><\/h3>\n\t\t\t<\/header>\n\t\t<\/div>\n\t\t<div class=\"post-content\">\n\t\t\t<a href=\"https:\/\/www.psib-psoe.org\/mallorca\/el-psib-psoe-aposta-per-la-mobilitat-sostenible-durant-el-parking-day-amb-el-compromis-de-continuar-oferint-alternatives-per-deixar-el-cotxe-a-casa\/\" class=\"more-link\">Read More<\/a>\n\t\t<\/div>\n\t\t\t<aside class=\"post-bottom-meta hide\">\n\t\t<strong rel=\"author\" itemprop=\"author\" class=\"author vcard\"><span class=\"fn\">adminpsib<\/span><\/strong>\n\t\t<time class=\"date published time\" datetime=\"2019-09-20T18:57:45+02:00\" itemprop=\"datePublished\" content=\"2019-09-20T18:57:45+02:00\">20\/09\/2019<\/time>\n\t\t<meta itemprop=\"dateModified\" class=\"date updated\" content=\"2020-01-08T15:01:53+02:00\">\n\t\t<span class=\"hide\" itemprop=\"publisher\" itemscope itemtype=\"https:\/\/schema.org\/Organization\">\n\t\t\t<meta itemprop=\"name\" content=\"SocialistesdMca\">\n\t\t\t<span itemprop=\"logo\" itemscope itemtype=\"https:\/\/schema.org\/ImageObject\">\n\t\t\t\t<meta itemprop=\"url\" content=\"https:\/\/www.psib-psoe.org\/mallorca\/wp-content\/themes\/notio-wp\/assets\/img\/logo.png\">\n\t\t\t<\/span>\n\t\t\t<meta itemprop=\"url\" content=\"https:\/\/www.psib-psoe.org\/mallorca\/\">\n\t\t<\/span>\n\t\t\t\t<span class=\"hide\" itemprop=\"image\" itemscope itemtype=\"http:\/\/schema.org\/ImageObject\">\n\t\t\t<meta itemprop=\"url\" content=\"https:\/\/www.psib-psoe.org\/mallorca\/wp-content\/uploads\/Parking-Day-2019.jpg\">\n\t\t\t<meta itemprop=\"width\" content=\"1000\">\n\t\t\t<meta itemprop=\"height\" content=\"750\">\n\t\t<\/span>\n\t\t\t\t<meta itemscope itemprop=\"mainEntityOfPage\" itemtype=\"https:\/\/schema.org\/WebPage\" itemid=\"https:\/\/www.psib-psoe.org\/mallorca\/el-psib-psoe-aposta-per-la-mobilitat-sostenible-durant-el-parking-day-amb-el-compromis-de-continuar-oferint-alternatives-per-deixar-el-cotxe-a-casa\/\">\n\t<\/aside>\n\t\t<\/article>\n<\/div>\n<div class=\"small-12 large-4 columns\">\n\t<article itemscope itemtype=\"http:\/\/schema.org\/Article\" class=\"post blog-style7 alt post-24009 type-post status-publish format-standard has-post-thumbnail hentry category-federacio-de-mallorca category-municipis\" role=\"article\">\n\t\t<figure class=\"post-gallery\"><img loading=\"lazy\" decoding=\"async\" width=\"600\" height=\"333\" src=\"https:\/\/www.psib-psoe.org\/mallorca\/wp-content\/uploads\/logo-XII-plenari-femp-600x333.jpg\" class=\"attachment-notio-general-x2 size-notio-general-x2 wp-post-image\" alt=\"\" srcset=\"https:\/\/www.psib-psoe.org\/mallorca\/wp-content\/uploads\/logo-XII-plenari-femp-600x333.jpg 600w, https:\/\/www.psib-psoe.org\/mallorca\/wp-content\/uploads\/logo-XII-plenari-femp-20x10.jpg 20w\" sizes=\"(max-width: 600px) 100vw, 600px\" \/><\/figure>\n\t\t<div class=\"blog-top\">\n\t\t\t<header class=\"post-title entry-header\">\n\t\t\t\t<aside class=\"post-meta cf\">\n\t\t20\/09\/2019 \/ <a href=\"https:\/\/www.psib-psoe.org\/mallorca\/category\/federacio-de-mallorca\/\" rel=\"category tag\">Federaci\u00f3 de Mallorca<\/a>, <a href=\"https:\/\/www.psib-psoe.org\/mallorca\/category\/municipis\/\" rel=\"category tag\">Municipis<\/a><\/aside>\n\t\t\t\t<h3 itemprop=\"headline\"><a href=\"https:\/\/www.psib-psoe.org\/mallorca\/el-psib-psoe-participa-en-el-ple-de-la-femp-per-primera-vegada-com-a-principal-forca-municipal-de-les-illes-balears\/\" title=\"El PSIB-PSOE participa en el ple de la FEMP per primera vegada com a principal for\u00e7a municipal de les Illes Balears\">El PSIB-PSOE participa en el ple de la FEMP per primera vegada com a principal for\u00e7a municipal de les Illes Balears<\/a><\/h3>\n\t\t\t<\/header>\n\t\t<\/div>\n\t\t<div class=\"post-content\">\n\t\t\t<a href=\"https:\/\/www.psib-psoe.org\/mallorca\/el-psib-psoe-participa-en-el-ple-de-la-femp-per-primera-vegada-com-a-principal-forca-municipal-de-les-illes-balears\/\" class=\"more-link\">Read More<\/a>\n\t\t<\/div>\n\t\t\t<aside class=\"post-bottom-meta hide\">\n\t\t<strong rel=\"author\" itemprop=\"author\" class=\"author vcard\"><span class=\"fn\">adminpsib<\/span><\/strong>\n\t\t<time class=\"date published time\" datetime=\"2019-09-20T11:41:31+02:00\" itemprop=\"datePublished\" content=\"2019-09-20T11:41:31+02:00\">20\/09\/2019<\/time>\n\t\t<meta itemprop=\"dateModified\" class=\"date updated\" content=\"2019-12-05T11:45:29+02:00\">\n\t\t<span class=\"hide\" itemprop=\"publisher\" itemscope itemtype=\"https:\/\/schema.org\/Organization\">\n\t\t\t<meta itemprop=\"name\" content=\"SocialistesdMca\">\n\t\t\t<span itemprop=\"logo\" itemscope itemtype=\"https:\/\/schema.org\/ImageObject\">\n\t\t\t\t<meta itemprop=\"url\" content=\"https:\/\/www.psib-psoe.org\/mallorca\/wp-content\/themes\/notio-wp\/assets\/img\/logo.png\">\n\t\t\t<\/span>\n\t\t\t<meta itemprop=\"url\" content=\"https:\/\/www.psib-psoe.org\/mallorca\/\">\n\t\t<\/span>\n\t\t\t\t<span class=\"hide\" itemprop=\"image\" itemscope itemtype=\"http:\/\/schema.org\/ImageObject\">\n\t\t\t<meta itemprop=\"url\" content=\"https:\/\/www.psib-psoe.org\/mallorca\/wp-content\/uploads\/logo-XII-plenari-femp.jpg\">\n\t\t\t<meta itemprop=\"width\" content=\"1000\">\n\t\t\t<meta itemprop=\"height\" content=\"333\">\n\t\t<\/span>\n\t\t\t\t<meta itemscope itemprop=\"mainEntityOfPage\" itemtype=\"https:\/\/schema.org\/WebPage\" itemid=\"https:\/\/www.psib-psoe.org\/mallorca\/el-psib-psoe-participa-en-el-ple-de-la-femp-per-primera-vegada-com-a-principal-forca-municipal-de-les-illes-balears\/\">\n\t<\/aside>\n\t\t<\/article>\n<\/div>\n<div class=\"small-12 large-4 columns\">\n\t<article itemscope itemtype=\"http:\/\/schema.org\/Article\" class=\"post blog-style7 alt post-24458 type-post status-publish format-standard has-post-thumbnail hentry category-federacio-de-mallorca category-municipis\" role=\"article\">\n\t\t<figure class=\"post-gallery\"><img loading=\"lazy\" decoding=\"async\" width=\"600\" height=\"400\" src=\"https:\/\/www.psib-psoe.org\/mallorca\/wp-content\/uploads\/campanya-tu-fas-que-passi-600x400.jpg\" class=\"attachment-notio-general-x2 size-notio-general-x2 wp-post-image\" alt=\"\" srcset=\"https:\/\/www.psib-psoe.org\/mallorca\/wp-content\/uploads\/campanya-tu-fas-que-passi-600x400.jpg 600w, https:\/\/www.psib-psoe.org\/mallorca\/wp-content\/uploads\/campanya-tu-fas-que-passi-300x200.jpg 300w, https:\/\/www.psib-psoe.org\/mallorca\/wp-content\/uploads\/campanya-tu-fas-que-passi-20x13.jpg 20w, https:\/\/www.psib-psoe.org\/mallorca\/wp-content\/uploads\/campanya-tu-fas-que-passi-900x600.jpg 900w\" sizes=\"(max-width: 600px) 100vw, 600px\" \/><\/figure>\n\t\t<div class=\"blog-top\">\n\t\t\t<header class=\"post-title entry-header\">\n\t\t\t\t<aside class=\"post-meta cf\">\n\t\t12\/09\/2019 \/ <a href=\"https:\/\/www.psib-psoe.org\/mallorca\/category\/federacio-de-mallorca\/\" rel=\"category tag\">Federaci\u00f3 de Mallorca<\/a>, <a href=\"https:\/\/www.psib-psoe.org\/mallorca\/category\/municipis\/\" rel=\"category tag\">Municipis<\/a><\/aside>\n\t\t\t\t<h3 itemprop=\"headline\"><a href=\"https:\/\/www.psib-psoe.org\/mallorca\/el-psib-psoe-llanca-la-campanya-dafiliacio-tu-fas-que-passi\/\" title=\"El PSIB-PSOE llan\u00e7a la campanya d\u2019afiliaci\u00f3 \u201cTu fas que passi\u201d\">El PSIB-PSOE llan\u00e7a la campanya d\u2019afiliaci\u00f3 \u201cTu fas que passi\u201d<\/a><\/h3>\n\t\t\t<\/header>\n\t\t<\/div>\n\t\t<div class=\"post-content\">\n\t\t\t<a href=\"https:\/\/www.psib-psoe.org\/mallorca\/el-psib-psoe-llanca-la-campanya-dafiliacio-tu-fas-que-passi\/\" class=\"more-link\">Read More<\/a>\n\t\t<\/div>\n\t\t\t<aside class=\"post-bottom-meta hide\">\n\t\t<strong rel=\"author\" itemprop=\"author\" class=\"author vcard\"><span class=\"fn\">adminpsib<\/span><\/strong>\n\t\t<time class=\"date published time\" datetime=\"2019-09-12T11:37:33+02:00\" itemprop=\"datePublished\" content=\"2019-09-12T11:37:33+02:00\">12\/09\/2019<\/time>\n\t\t<meta itemprop=\"dateModified\" class=\"date updated\" content=\"2020-01-08T15:02:05+02:00\">\n\t\t<span class=\"hide\" itemprop=\"publisher\" itemscope itemtype=\"https:\/\/schema.org\/Organization\">\n\t\t\t<meta itemprop=\"name\" content=\"SocialistesdMca\">\n\t\t\t<span itemprop=\"logo\" itemscope itemtype=\"https:\/\/schema.org\/ImageObject\">\n\t\t\t\t<meta itemprop=\"url\" content=\"https:\/\/www.psib-psoe.org\/mallorca\/wp-content\/themes\/notio-wp\/assets\/img\/logo.png\">\n\t\t\t<\/span>\n\t\t\t<meta itemprop=\"url\" content=\"https:\/\/www.psib-psoe.org\/mallorca\/\">\n\t\t<\/span>\n\t\t\t\t<span class=\"hide\" itemprop=\"image\" itemscope itemtype=\"http:\/\/schema.org\/ImageObject\">\n\t\t\t<meta itemprop=\"url\" content=\"https:\/\/www.psib-psoe.org\/mallorca\/wp-content\/uploads\/campanya-tu-fas-que-passi.jpg\">\n\t\t\t<meta itemprop=\"width\" content=\"1000\">\n\t\t\t<meta itemprop=\"height\" content=\"609\">\n\t\t<\/span>\n\t\t\t\t<meta itemscope itemprop=\"mainEntityOfPage\" itemtype=\"https:\/\/schema.org\/WebPage\" itemid=\"https:\/\/www.psib-psoe.org\/mallorca\/el-psib-psoe-llanca-la-campanya-dafiliacio-tu-fas-que-passi\/\">\n\t<\/aside>\n\t\t<\/article>\n<\/div>\n<div class=\"small-12 large-4 columns\">\n\t<article itemscope itemtype=\"http:\/\/schema.org\/Article\" class=\"post blog-style7 alt post-23991 type-post status-publish format-standard has-post-thumbnail hentry category-federacio-de-mallorca category-municipis\" role=\"article\">\n\t\t<figure class=\"post-gallery\"><img loading=\"lazy\" decoding=\"async\" width=\"600\" height=\"400\" src=\"https:\/\/www.psib-psoe.org\/mallorca\/wp-content\/uploads\/socialistes-a-assamblea-general-felib-setmebre-2019-600x400.jpeg\" class=\"attachment-notio-general-x2 size-notio-general-x2 wp-post-image\" alt=\"\" srcset=\"https:\/\/www.psib-psoe.org\/mallorca\/wp-content\/uploads\/socialistes-a-assamblea-general-felib-setmebre-2019-600x400.jpeg 600w, https:\/\/www.psib-psoe.org\/mallorca\/wp-content\/uploads\/socialistes-a-assamblea-general-felib-setmebre-2019-300x200.jpeg 300w, https:\/\/www.psib-psoe.org\/mallorca\/wp-content\/uploads\/socialistes-a-assamblea-general-felib-setmebre-2019-900x600.jpeg 900w, https:\/\/www.psib-psoe.org\/mallorca\/wp-content\/uploads\/socialistes-a-assamblea-general-felib-setmebre-2019-20x13.jpeg 20w\" sizes=\"(max-width: 600px) 100vw, 600px\" \/><\/figure>\n\t\t<div class=\"blog-top\">\n\t\t\t<header class=\"post-title entry-header\">\n\t\t\t\t<aside class=\"post-meta cf\">\n\t\t11\/09\/2019 \/ <a href=\"https:\/\/www.psib-psoe.org\/mallorca\/category\/federacio-de-mallorca\/\" rel=\"category tag\">Federaci\u00f3 de Mallorca<\/a>, <a href=\"https:\/\/www.psib-psoe.org\/mallorca\/category\/municipis\/\" rel=\"category tag\">Municipis<\/a><\/aside>\n\t\t\t\t<h3 itemprop=\"headline\"><a href=\"https:\/\/www.psib-psoe.org\/mallorca\/josep-mari-ribas-ha-estat-elegit-vicepresident-primer-de-la-felib\/\" title=\"Josep Mar\u00ed Ribas ha estat elegit vicepresident primer de la FELIB\">Josep Mar\u00ed Ribas ha estat elegit vicepresident primer de la FELIB<\/a><\/h3>\n\t\t\t<\/header>\n\t\t<\/div>\n\t\t<div class=\"post-content\">\n\t\t\t<a href=\"https:\/\/www.psib-psoe.org\/mallorca\/josep-mari-ribas-ha-estat-elegit-vicepresident-primer-de-la-felib\/\" class=\"more-link\">Read More<\/a>\n\t\t<\/div>\n\t\t\t<aside class=\"post-bottom-meta hide\">\n\t\t<strong rel=\"author\" itemprop=\"author\" class=\"author vcard\"><span class=\"fn\">adminpsib<\/span><\/strong>\n\t\t<time class=\"date published time\" datetime=\"2019-09-11T14:46:12+02:00\" itemprop=\"datePublished\" content=\"2019-09-11T14:46:12+02:00\">11\/09\/2019<\/time>\n\t\t<meta itemprop=\"dateModified\" class=\"date updated\" content=\"2019-12-05T12:20:18+02:00\">\n\t\t<span class=\"hide\" itemprop=\"publisher\" itemscope itemtype=\"https:\/\/schema.org\/Organization\">\n\t\t\t<meta itemprop=\"name\" content=\"SocialistesdMca\">\n\t\t\t<span itemprop=\"logo\" itemscope itemtype=\"https:\/\/schema.org\/ImageObject\">\n\t\t\t\t<meta itemprop=\"url\" content=\"https:\/\/www.psib-psoe.org\/mallorca\/wp-content\/themes\/notio-wp\/assets\/img\/logo.png\">\n\t\t\t<\/span>\n\t\t\t<meta itemprop=\"url\" content=\"https:\/\/www.psib-psoe.org\/mallorca\/\">\n\t\t<\/span>\n\t\t\t\t<span class=\"hide\" itemprop=\"image\" itemscope itemtype=\"http:\/\/schema.org\/ImageObject\">\n\t\t\t<meta itemprop=\"url\" content=\"https:\/\/www.psib-psoe.org\/mallorca\/wp-content\/uploads\/socialistes-a-assamblea-general-felib-setmebre-2019.jpeg\">\n\t\t\t<meta itemprop=\"width\" content=\"1000\">\n\t\t\t<meta itemprop=\"height\" content=\"750\">\n\t\t<\/span>\n\t\t\t\t<meta itemscope itemprop=\"mainEntityOfPage\" itemtype=\"https:\/\/schema.org\/WebPage\" itemid=\"https:\/\/www.psib-psoe.org\/mallorca\/josep-mari-ribas-ha-estat-elegit-vicepresident-primer-de-la-felib\/\">\n\t<\/aside>\n\t\t<\/article>\n<\/div>\n<div class=\"small-12 large-4 columns\">\n\t<article itemscope itemtype=\"http:\/\/schema.org\/Article\" class=\"post blog-style7 alt post-24461 type-post status-publish format-standard has-post-thumbnail hentry category-federacio-de-mallorca\" role=\"article\">\n\t\t<figure class=\"post-gallery\"><img loading=\"lazy\" decoding=\"async\" width=\"600\" height=\"400\" src=\"https:\/\/www.psib-psoe.org\/mallorca\/wp-content\/uploads\/Senadors-socialistes-2019-600x400.jpg\" class=\"attachment-notio-general-x2 size-notio-general-x2 wp-post-image\" alt=\"\" srcset=\"https:\/\/www.psib-psoe.org\/mallorca\/wp-content\/uploads\/Senadors-socialistes-2019-600x400.jpg 600w, https:\/\/www.psib-psoe.org\/mallorca\/wp-content\/uploads\/Senadors-socialistes-2019-300x200.jpg 300w, https:\/\/www.psib-psoe.org\/mallorca\/wp-content\/uploads\/Senadors-socialistes-2019-900x600.jpg 900w, https:\/\/www.psib-psoe.org\/mallorca\/wp-content\/uploads\/Senadors-socialistes-2019-20x13.jpg 20w\" sizes=\"(max-width: 600px) 100vw, 600px\" \/><\/figure>\n\t\t<div class=\"blog-top\">\n\t\t\t<header class=\"post-title entry-header\">\n\t\t\t\t<aside class=\"post-meta cf\">\n\t\t01\/08\/2019 \/ <a href=\"https:\/\/www.psib-psoe.org\/mallorca\/category\/federacio-de-mallorca\/\" rel=\"category tag\">Federaci\u00f3 de Mallorca<\/a><\/aside>\n\t\t\t\t<h3 itemprop=\"headline\"><a href=\"https:\/\/www.psib-psoe.org\/mallorca\/cosme-bonet-es-elegit-president-de-la-comissio-dhisenda-del-senat-i-susanna-moll-vicepresidenta-de-la-dindustria-turisme-i-comerc\/\" title=\"Cosme Bonet \u00e9s elegit president de la Comissi\u00f3 d\u2019Hisenda del Senat i Susanna Moll, vicepresidenta de la d\u2019Ind\u00fastria, Turisme i Comer\u00e7\">Cosme Bonet \u00e9s elegit president de la Comissi\u00f3 d\u2019Hisenda del Senat i Susanna Moll, vicepresidenta de la d\u2019Ind\u00fastria, Turisme i Comer\u00e7<\/a><\/h3>\n\t\t\t<\/header>\n\t\t<\/div>\n\t\t<div class=\"post-content\">\n\t\t\t<a href=\"https:\/\/www.psib-psoe.org\/mallorca\/cosme-bonet-es-elegit-president-de-la-comissio-dhisenda-del-senat-i-susanna-moll-vicepresidenta-de-la-dindustria-turisme-i-comerc\/\" class=\"more-link\">Read More<\/a>\n\t\t<\/div>\n\t\t\t<aside class=\"post-bottom-meta hide\">\n\t\t<strong rel=\"author\" itemprop=\"author\" class=\"author vcard\"><span class=\"fn\">adminpsib<\/span><\/strong>\n\t\t<time class=\"date published time\" datetime=\"2019-08-01T10:21:12+02:00\" itemprop=\"datePublished\" content=\"2019-08-01T10:21:12+02:00\">01\/08\/2019<\/time>\n\t\t<meta itemprop=\"dateModified\" class=\"date updated\" content=\"2019-08-01T10:21:12+02:00\">\n\t\t<span class=\"hide\" itemprop=\"publisher\" itemscope itemtype=\"https:\/\/schema.org\/Organization\">\n\t\t\t<meta itemprop=\"name\" content=\"SocialistesdMca\">\n\t\t\t<span itemprop=\"logo\" itemscope itemtype=\"https:\/\/schema.org\/ImageObject\">\n\t\t\t\t<meta itemprop=\"url\" content=\"https:\/\/www.psib-psoe.org\/mallorca\/wp-content\/themes\/notio-wp\/assets\/img\/logo.png\">\n\t\t\t<\/span>\n\t\t\t<meta itemprop=\"url\" content=\"https:\/\/www.psib-psoe.org\/mallorca\/\">\n\t\t<\/span>\n\t\t\t\t<span class=\"hide\" itemprop=\"image\" itemscope itemtype=\"http:\/\/schema.org\/ImageObject\">\n\t\t\t<meta itemprop=\"url\" content=\"https:\/\/www.psib-psoe.org\/mallorca\/wp-content\/uploads\/Senadors-socialistes-2019.jpg\">\n\t\t\t<meta itemprop=\"width\" content=\"910\">\n\t\t\t<meta itemprop=\"height\" content=\"1000\">\n\t\t<\/span>\n\t\t\t\t<meta itemscope itemprop=\"mainEntityOfPage\" itemtype=\"https:\/\/schema.org\/WebPage\" itemid=\"https:\/\/www.psib-psoe.org\/mallorca\/cosme-bonet-es-elegit-president-de-la-comissio-dhisenda-del-senat-i-susanna-moll-vicepresidenta-de-la-dindustria-turisme-i-comerc\/\">\n\t<\/aside>\n\t\t<\/article>\n<\/div>\n<div class=\"small-12 large-4 columns\">\n\t<article itemscope itemtype=\"http:\/\/schema.org\/Article\" class=\"post blog-style7 alt post-24464 type-post status-publish format-standard has-post-thumbnail hentry category-federacio-de-mallorca\" role=\"article\">\n\t\t<figure class=\"post-gallery\"><img loading=\"lazy\" decoding=\"async\" width=\"600\" height=\"400\" src=\"https:\/\/www.psib-psoe.org\/mallorca\/wp-content\/uploads\/Consell-Pol\u00edtic-31-07-19-600x400.jpg\" class=\"attachment-notio-general-x2 size-notio-general-x2 wp-post-image\" alt=\"\" srcset=\"https:\/\/www.psib-psoe.org\/mallorca\/wp-content\/uploads\/Consell-Pol\u00edtic-31-07-19-600x400.jpg 600w, https:\/\/www.psib-psoe.org\/mallorca\/wp-content\/uploads\/Consell-Pol\u00edtic-31-07-19-300x200.jpg 300w, https:\/\/www.psib-psoe.org\/mallorca\/wp-content\/uploads\/Consell-Pol\u00edtic-31-07-19-20x13.jpg 20w, https:\/\/www.psib-psoe.org\/mallorca\/wp-content\/uploads\/Consell-Pol\u00edtic-31-07-19-900x600.jpg 900w\" sizes=\"(max-width: 600px) 100vw, 600px\" \/><\/figure>\n\t\t<div class=\"blog-top\">\n\t\t\t<header class=\"post-title entry-header\">\n\t\t\t\t<aside class=\"post-meta cf\">\n\t\t31\/07\/2019 \/ <a href=\"https:\/\/www.psib-psoe.org\/mallorca\/category\/federacio-de-mallorca\/\" rel=\"category tag\">Federaci\u00f3 de Mallorca<\/a><\/aside>\n\t\t\t\t<h3 itemprop=\"headline\"><a href=\"https:\/\/www.psib-psoe.org\/mallorca\/el-psib-psoe-expressa-el-seu-suport-a-pedro-sanchez-per-a-ser-reelegit-president-del-govern-i-anuncia-la-creacio-dun-grup-territorial-socialista-de-balears-al-senat\/\" title=\"El PSIB-PSOE expressa el seu suport a Pedro S\u00e1nchez per a ser reelegit president del Govern i anuncia la creaci\u00f3 d\u2019un grup territorial socialista de Balears al Senat\">El PSIB-PSOE expressa el seu suport a Pedro S\u00e1nchez per a ser reelegit president del Govern i anuncia la creaci\u00f3 d\u2019un grup territorial socialista de Balears al Senat<\/a><\/h3>\n\t\t\t<\/header>\n\t\t<\/div>\n\t\t<div class=\"post-content\">\n\t\t\t<a href=\"https:\/\/www.psib-psoe.org\/mallorca\/el-psib-psoe-expressa-el-seu-suport-a-pedro-sanchez-per-a-ser-reelegit-president-del-govern-i-anuncia-la-creacio-dun-grup-territorial-socialista-de-balears-al-senat\/\" class=\"more-link\">Read More<\/a>\n\t\t<\/div>\n\t\t\t<aside class=\"post-bottom-meta hide\">\n\t\t<strong rel=\"author\" itemprop=\"author\" class=\"author vcard\"><span class=\"fn\">adminpsib<\/span><\/strong>\n\t\t<time class=\"date published time\" datetime=\"2019-07-31T19:18:24+02:00\" itemprop=\"datePublished\" content=\"2019-07-31T19:18:24+02:00\">31\/07\/2019<\/time>\n\t\t<meta itemprop=\"dateModified\" class=\"date updated\" content=\"2019-07-31T19:18:24+02:00\">\n\t\t<span class=\"hide\" itemprop=\"publisher\" itemscope itemtype=\"https:\/\/schema.org\/Organization\">\n\t\t\t<meta itemprop=\"name\" content=\"SocialistesdMca\">\n\t\t\t<span itemprop=\"logo\" itemscope itemtype=\"https:\/\/schema.org\/ImageObject\">\n\t\t\t\t<meta itemprop=\"url\" content=\"https:\/\/www.psib-psoe.org\/mallorca\/wp-content\/themes\/notio-wp\/assets\/img\/logo.png\">\n\t\t\t<\/span>\n\t\t\t<meta itemprop=\"url\" content=\"https:\/\/www.psib-psoe.org\/mallorca\/\">\n\t\t<\/span>\n\t\t\t\t<span class=\"hide\" itemprop=\"image\" itemscope itemtype=\"http:\/\/schema.org\/ImageObject\">\n\t\t\t<meta itemprop=\"url\" content=\"https:\/\/www.psib-psoe.org\/mallorca\/wp-content\/uploads\/Consell-Pol\u00edtic-31-07-19.jpg\">\n\t\t\t<meta itemprop=\"width\" content=\"1000\">\n\t\t\t<meta itemprop=\"height\" content=\"650\">\n\t\t<\/span>\n\t\t\t\t<meta itemscope itemprop=\"mainEntityOfPage\" itemtype=\"https:\/\/schema.org\/WebPage\" itemid=\"https:\/\/www.psib-psoe.org\/mallorca\/el-psib-psoe-expressa-el-seu-suport-a-pedro-sanchez-per-a-ser-reelegit-president-del-govern-i-anuncia-la-creacio-dun-grup-territorial-socialista-de-balears-al-senat\/\">\n\t<\/aside>\n\t\t<\/article>\n<\/div>\n<div class=\"small-12 large-4 columns\">\n\t<article itemscope itemtype=\"http:\/\/schema.org\/Article\" class=\"post blog-style7 alt post-23975 type-post status-publish format-standard has-post-thumbnail hentry category-federacio-de-mallorca category-municipis\" role=\"article\">\n\t\t<figure class=\"post-gallery\"><img loading=\"lazy\" decoding=\"async\" width=\"600\" height=\"400\" src=\"https:\/\/www.psib-psoe.org\/mallorca\/wp-content\/uploads\/armengol-cladera-garrido-portells-festa-estiu-2019-600x400.jpg\" class=\"attachment-notio-general-x2 size-notio-general-x2 wp-post-image\" alt=\"\" srcset=\"https:\/\/www.psib-psoe.org\/mallorca\/wp-content\/uploads\/armengol-cladera-garrido-portells-festa-estiu-2019-600x400.jpg 600w, https:\/\/www.psib-psoe.org\/mallorca\/wp-content\/uploads\/armengol-cladera-garrido-portells-festa-estiu-2019-300x200.jpg 300w, https:\/\/www.psib-psoe.org\/mallorca\/wp-content\/uploads\/armengol-cladera-garrido-portells-festa-estiu-2019-768x511.jpg 768w, https:\/\/www.psib-psoe.org\/mallorca\/wp-content\/uploads\/armengol-cladera-garrido-portells-festa-estiu-2019-150x100.jpg 150w, https:\/\/www.psib-psoe.org\/mallorca\/wp-content\/uploads\/armengol-cladera-garrido-portells-festa-estiu-2019-900x600.jpg 900w, https:\/\/www.psib-psoe.org\/mallorca\/wp-content\/uploads\/armengol-cladera-garrido-portells-festa-estiu-2019-20x13.jpg 20w, https:\/\/www.psib-psoe.org\/mallorca\/wp-content\/uploads\/armengol-cladera-garrido-portells-festa-estiu-2019.jpg 1000w\" sizes=\"(max-width: 600px) 100vw, 600px\" \/><\/figure>\n\t\t<div class=\"blog-top\">\n\t\t\t<header class=\"post-title entry-header\">\n\t\t\t\t<aside class=\"post-meta cf\">\n\t\t12\/07\/2019 \/ <a href=\"https:\/\/www.psib-psoe.org\/mallorca\/category\/federacio-de-mallorca\/\" rel=\"category tag\">Federaci\u00f3 de Mallorca<\/a>, <a href=\"https:\/\/www.psib-psoe.org\/mallorca\/category\/municipis\/\" rel=\"category tag\">Municipis<\/a><\/aside>\n\t\t\t\t<h3 itemprop=\"headline\"><a href=\"https:\/\/www.psib-psoe.org\/mallorca\/armengol-sortirem-a-guanyar-les-eleccions-de-2023-per-poder-governar-no-nomes-vuit-anys-sino-dotze\/\" title=\"Armengol: \u201cSortirem a guanyar les eleccions de 2023 per poder governar no nom\u00e9s vuit anys, sin\u00f3 dotze\u201d\">Armengol: \u201cSortirem a guanyar les eleccions de 2023 per poder governar no nom\u00e9s vuit anys, sin\u00f3 dotze\u201d<\/a><\/h3>\n\t\t\t<\/header>\n\t\t<\/div>\n\t\t<div class=\"post-content\">\n\t\t\t<a href=\"https:\/\/www.psib-psoe.org\/mallorca\/armengol-sortirem-a-guanyar-les-eleccions-de-2023-per-poder-governar-no-nomes-vuit-anys-sino-dotze\/\" class=\"more-link\">Read More<\/a>\n\t\t<\/div>\n\t\t\t<aside class=\"post-bottom-meta hide\">\n\t\t<strong rel=\"author\" itemprop=\"author\" class=\"author vcard\"><span class=\"fn\">adminpsib<\/span><\/strong>\n\t\t<time class=\"date published time\" datetime=\"2019-07-12T22:47:46+02:00\" itemprop=\"datePublished\" content=\"2019-07-12T22:47:46+02:00\">12\/07\/2019<\/time>\n\t\t<meta itemprop=\"dateModified\" class=\"date updated\" content=\"2020-01-08T14:41:14+02:00\">\n\t\t<span class=\"hide\" itemprop=\"publisher\" itemscope itemtype=\"https:\/\/schema.org\/Organization\">\n\t\t\t<meta itemprop=\"name\" content=\"SocialistesdMca\">\n\t\t\t<span itemprop=\"logo\" itemscope itemtype=\"https:\/\/schema.org\/ImageObject\">\n\t\t\t\t<meta itemprop=\"url\" content=\"https:\/\/www.psib-psoe.org\/mallorca\/wp-content\/themes\/notio-wp\/assets\/img\/logo.png\">\n\t\t\t<\/span>\n\t\t\t<meta itemprop=\"url\" content=\"https:\/\/www.psib-psoe.org\/mallorca\/\">\n\t\t<\/span>\n\t\t\t\t<span class=\"hide\" itemprop=\"image\" itemscope itemtype=\"http:\/\/schema.org\/ImageObject\">\n\t\t\t<meta itemprop=\"url\" content=\"https:\/\/www.psib-psoe.org\/mallorca\/wp-content\/uploads\/armengol-cladera-garrido-portells-festa-estiu-2019.jpg\">\n\t\t\t<meta itemprop=\"width\" content=\"1000\">\n\t\t\t<meta itemprop=\"height\" content=\"666\">\n\t\t<\/span>\n\t\t\t\t<meta itemscope itemprop=\"mainEntityOfPage\" itemtype=\"https:\/\/schema.org\/WebPage\" itemid=\"https:\/\/www.psib-psoe.org\/mallorca\/armengol-sortirem-a-guanyar-les-eleccions-de-2023-per-poder-governar-no-nomes-vuit-anys-sino-dotze\/\">\n\t<\/aside>\n\t\t<\/article>\n<\/div>\n<div class=\"small-12 large-4 columns\">\n\t<article itemscope itemtype=\"http:\/\/schema.org\/Article\" class=\"post blog-style7 alt post-23972 type-post status-publish format-standard has-post-thumbnail hentry category-consell-de-mallorca category-federacio-de-mallorca\" role=\"article\">\n\t\t<figure class=\"post-gallery\"><img loading=\"lazy\" decoding=\"async\" width=\"600\" height=\"400\" src=\"https:\/\/www.psib-psoe.org\/mallorca\/wp-content\/uploads\/Cladera-Presidenta-600x400.jpg\" class=\"attachment-notio-general-x2 size-notio-general-x2 wp-post-image\" alt=\"\" srcset=\"https:\/\/www.psib-psoe.org\/mallorca\/wp-content\/uploads\/Cladera-Presidenta-600x400.jpg 600w, https:\/\/www.psib-psoe.org\/mallorca\/wp-content\/uploads\/Cladera-Presidenta-300x200.jpg 300w, https:\/\/www.psib-psoe.org\/mallorca\/wp-content\/uploads\/Cladera-Presidenta-768x512.jpg 768w, https:\/\/www.psib-psoe.org\/mallorca\/wp-content\/uploads\/Cladera-Presidenta-150x100.jpg 150w, https:\/\/www.psib-psoe.org\/mallorca\/wp-content\/uploads\/Cladera-Presidenta-900x600.jpg 900w, https:\/\/www.psib-psoe.org\/mallorca\/wp-content\/uploads\/Cladera-Presidenta-20x13.jpg 20w, https:\/\/www.psib-psoe.org\/mallorca\/wp-content\/uploads\/Cladera-Presidenta.jpg 1000w\" sizes=\"(max-width: 600px) 100vw, 600px\" \/><\/figure>\n\t\t<div class=\"blog-top\">\n\t\t\t<header class=\"post-title entry-header\">\n\t\t\t\t<aside class=\"post-meta cf\">\n\t\t06\/07\/2019 \/ <a href=\"https:\/\/www.psib-psoe.org\/mallorca\/category\/consell-de-mallorca\/\" rel=\"category tag\">Consell de Mallorca<\/a>, <a href=\"https:\/\/www.psib-psoe.org\/mallorca\/category\/federacio-de-mallorca\/\" rel=\"category tag\">Federaci\u00f3 de Mallorca<\/a><\/aside>\n\t\t\t\t<h3 itemprop=\"headline\"><a href=\"https:\/\/www.psib-psoe.org\/mallorca\/catalina-cladera-es-investida-presidenta-del-consell-de-mallorca-comprometent-se-a-donar-un-nou-impuls-a-la-institucio-i-a-governar-per-a-tothom\/\" title=\"Catalina Cladera \u00e9s investida presidenta del Consell de Mallorca comprometent-se a donar un nou impuls a la instituci\u00f3 i a governar per a tothom\">Catalina Cladera \u00e9s investida presidenta del Consell de Mallorca comprometent-se a donar un nou impuls a la instituci\u00f3 i a governar per a tothom<\/a><\/h3>\n\t\t\t<\/header>\n\t\t<\/div>\n\t\t<div class=\"post-content\">\n\t\t\t<a href=\"https:\/\/www.psib-psoe.org\/mallorca\/catalina-cladera-es-investida-presidenta-del-consell-de-mallorca-comprometent-se-a-donar-un-nou-impuls-a-la-institucio-i-a-governar-per-a-tothom\/\" class=\"more-link\">Read More<\/a>\n\t\t<\/div>\n\t\t\t<aside class=\"post-bottom-meta hide\">\n\t\t<strong rel=\"author\" itemprop=\"author\" class=\"author vcard\"><span class=\"fn\">adminpsib<\/span><\/strong>\n\t\t<time class=\"date published time\" datetime=\"2019-07-06T13:48:55+02:00\" itemprop=\"datePublished\" content=\"2019-07-06T13:48:55+02:00\">06\/07\/2019<\/time>\n\t\t<meta itemprop=\"dateModified\" class=\"date updated\" content=\"2019-12-05T11:55:09+02:00\">\n\t\t<span class=\"hide\" itemprop=\"publisher\" itemscope itemtype=\"https:\/\/schema.org\/Organization\">\n\t\t\t<meta itemprop=\"name\" content=\"SocialistesdMca\">\n\t\t\t<span itemprop=\"logo\" itemscope itemtype=\"https:\/\/schema.org\/ImageObject\">\n\t\t\t\t<meta itemprop=\"url\" content=\"https:\/\/www.psib-psoe.org\/mallorca\/wp-content\/themes\/notio-wp\/assets\/img\/logo.png\">\n\t\t\t<\/span>\n\t\t\t<meta itemprop=\"url\" content=\"https:\/\/www.psib-psoe.org\/mallorca\/\">\n\t\t<\/span>\n\t\t\t\t<span class=\"hide\" itemprop=\"image\" itemscope itemtype=\"http:\/\/schema.org\/ImageObject\">\n\t\t\t<meta itemprop=\"url\" content=\"https:\/\/www.psib-psoe.org\/mallorca\/wp-content\/uploads\/Cladera-Presidenta.jpg\">\n\t\t\t<meta itemprop=\"width\" content=\"1000\">\n\t\t\t<meta itemprop=\"height\" content=\"667\">\n\t\t<\/span>\n\t\t\t\t<meta itemscope itemprop=\"mainEntityOfPage\" itemtype=\"https:\/\/schema.org\/WebPage\" itemid=\"https:\/\/www.psib-psoe.org\/mallorca\/catalina-cladera-es-investida-presidenta-del-consell-de-mallorca-comprometent-se-a-donar-un-nou-impuls-a-la-institucio-i-a-governar-per-a-tothom\/\">\n\t<\/aside>\n\t\t<\/article>\n<\/div>\n<div class=\"small-12 large-4 columns\">\n\t<article itemscope itemtype=\"http:\/\/schema.org\/Article\" class=\"post blog-style7 alt post-23969 type-post status-publish format-standard has-post-thumbnail hentry category-federacio-de-mallorca\" role=\"article\">\n\t\t<figure class=\"post-gallery\"><img loading=\"lazy\" decoding=\"async\" width=\"600\" height=\"400\" src=\"https:\/\/www.psib-psoe.org\/mallorca\/wp-content\/uploads\/Consulta-Mallorca-600x400.jpg\" class=\"attachment-notio-general-x2 size-notio-general-x2 wp-post-image\" alt=\"\" srcset=\"https:\/\/www.psib-psoe.org\/mallorca\/wp-content\/uploads\/Consulta-Mallorca-600x400.jpg 600w, https:\/\/www.psib-psoe.org\/mallorca\/wp-content\/uploads\/Consulta-Mallorca-300x200.jpg 300w, https:\/\/www.psib-psoe.org\/mallorca\/wp-content\/uploads\/Consulta-Mallorca-900x600.jpg 900w, https:\/\/www.psib-psoe.org\/mallorca\/wp-content\/uploads\/Consulta-Mallorca-20x13.jpg 20w\" sizes=\"(max-width: 600px) 100vw, 600px\" \/><\/figure>\n\t\t<div class=\"blog-top\">\n\t\t\t<header class=\"post-title entry-header\">\n\t\t\t\t<aside class=\"post-meta cf\">\n\t\t05\/07\/2019 \/ <a href=\"https:\/\/www.psib-psoe.org\/mallorca\/category\/federacio-de-mallorca\/\" rel=\"category tag\">Federaci\u00f3 de Mallorca<\/a><\/aside>\n\t\t\t\t<h3 itemprop=\"headline\"><a href=\"https:\/\/www.psib-psoe.org\/mallorca\/la-militancia-dels-socialistes-de-mallorca-avala-lacord-de-governabilitat-insular-amb-un-98-de-vots-a-favor\/\" title=\"La milit\u00e0ncia dels Socialistes de Mallorca avala l\u2019acord de governabilitat insular amb un 98% de vots a favor\">La milit\u00e0ncia dels Socialistes de Mallorca avala l\u2019acord de governabilitat insular amb un 98% de vots a favor<\/a><\/h3>\n\t\t\t<\/header>\n\t\t<\/div>\n\t\t<div class=\"post-content\">\n\t\t\t<a href=\"https:\/\/www.psib-psoe.org\/mallorca\/la-militancia-dels-socialistes-de-mallorca-avala-lacord-de-governabilitat-insular-amb-un-98-de-vots-a-favor\/\" class=\"more-link\">Read More<\/a>\n\t\t<\/div>\n\t\t\t<aside class=\"post-bottom-meta hide\">\n\t\t<strong rel=\"author\" itemprop=\"author\" class=\"author vcard\"><span class=\"fn\">adminpsib<\/span><\/strong>\n\t\t<time class=\"date published time\" datetime=\"2019-07-05T15:37:04+02:00\" itemprop=\"datePublished\" content=\"2019-07-05T15:37:04+02:00\">05\/07\/2019<\/time>\n\t\t<meta itemprop=\"dateModified\" class=\"date updated\" content=\"2019-12-05T11:55:13+02:00\">\n\t\t<span class=\"hide\" itemprop=\"publisher\" itemscope itemtype=\"https:\/\/schema.org\/Organization\">\n\t\t\t<meta itemprop=\"name\" content=\"SocialistesdMca\">\n\t\t\t<span itemprop=\"logo\" itemscope itemtype=\"https:\/\/schema.org\/ImageObject\">\n\t\t\t\t<meta itemprop=\"url\" content=\"https:\/\/www.psib-psoe.org\/mallorca\/wp-content\/themes\/notio-wp\/assets\/img\/logo.png\">\n\t\t\t<\/span>\n\t\t\t<meta itemprop=\"url\" content=\"https:\/\/www.psib-psoe.org\/mallorca\/\">\n\t\t<\/span>\n\t\t\t\t<span class=\"hide\" itemprop=\"image\" itemscope itemtype=\"http:\/\/schema.org\/ImageObject\">\n\t\t\t<meta itemprop=\"url\" content=\"https:\/\/www.psib-psoe.org\/mallorca\/wp-content\/uploads\/Consulta-Mallorca.jpg\">\n\t\t\t<meta itemprop=\"width\" content=\"1000\">\n\t\t\t<meta itemprop=\"height\" content=\"750\">\n\t\t<\/span>\n\t\t\t\t<meta itemscope itemprop=\"mainEntityOfPage\" itemtype=\"https:\/\/schema.org\/WebPage\" itemid=\"https:\/\/www.psib-psoe.org\/mallorca\/la-militancia-dels-socialistes-de-mallorca-avala-lacord-de-governabilitat-insular-amb-un-98-de-vots-a-favor\/\">\n\t<\/aside>\n\t\t<\/article>\n<\/div>\n<div class=\"small-12 large-4 columns\">\n\t<article itemscope itemtype=\"http:\/\/schema.org\/Article\" class=\"post blog-style7 alt post-23964 type-post status-publish format-standard has-post-thumbnail hentry category-consell-de-mallorca category-federacio-de-mallorca\" role=\"article\">\n\t\t<figure class=\"post-gallery\"><img loading=\"lazy\" decoding=\"async\" width=\"600\" height=\"400\" src=\"https:\/\/www.psib-psoe.org\/mallorca\/wp-content\/uploads\/Acords-per-Mallorca-2019-600x400.jpg\" class=\"attachment-notio-general-x2 size-notio-general-x2 wp-post-image\" alt=\"\" srcset=\"https:\/\/www.psib-psoe.org\/mallorca\/wp-content\/uploads\/Acords-per-Mallorca-2019-600x400.jpg 600w, https:\/\/www.psib-psoe.org\/mallorca\/wp-content\/uploads\/Acords-per-Mallorca-2019-300x200.jpg 300w, https:\/\/www.psib-psoe.org\/mallorca\/wp-content\/uploads\/Acords-per-Mallorca-2019-900x600.jpg 900w, https:\/\/www.psib-psoe.org\/mallorca\/wp-content\/uploads\/Acords-per-Mallorca-2019-20x13.jpg 20w\" sizes=\"(max-width: 600px) 100vw, 600px\" \/><\/figure>\n\t\t<div class=\"blog-top\">\n\t\t\t<header class=\"post-title entry-header\">\n\t\t\t\t<aside class=\"post-meta cf\">\n\t\t05\/07\/2019 \/ <a href=\"https:\/\/www.psib-psoe.org\/mallorca\/category\/consell-de-mallorca\/\" rel=\"category tag\">Consell de Mallorca<\/a>, <a href=\"https:\/\/www.psib-psoe.org\/mallorca\/category\/federacio-de-mallorca\/\" rel=\"category tag\">Federaci\u00f3 de Mallorca<\/a><\/aside>\n\t\t\t\t<h3 itemprop=\"headline\"><a href=\"https:\/\/www.psib-psoe.org\/mallorca\/psib-psoe-mes-per-mallorca-i-unides-podem-signen-els-acords-per-mallorca-els-quals-garanteixen-quatre-anys-mes-de-politiques-de-canvi-al-consell-de-mallorca\/\" title=\"PSIB-PSOE, M\u00c9S per Mallorca i Unides Podem signen els Acords per Mallorca, els quals garanteixen quatre anys m\u00e9s de pol\u00edtiques de canvi al Consell de Mallorca\">PSIB-PSOE, M\u00c9S per Mallorca i Unides Podem signen els Acords per Mallorca, els quals garanteixen quatre anys m\u00e9s de pol\u00edtiques de canvi al Consell de Mallorca<\/a><\/h3>\n\t\t\t<\/header>\n\t\t<\/div>\n\t\t<div class=\"post-content\">\n\t\t\t<a href=\"https:\/\/www.psib-psoe.org\/mallorca\/psib-psoe-mes-per-mallorca-i-unides-podem-signen-els-acords-per-mallorca-els-quals-garanteixen-quatre-anys-mes-de-politiques-de-canvi-al-consell-de-mallorca\/\" class=\"more-link\">Read More<\/a>\n\t\t<\/div>\n\t\t\t<aside class=\"post-bottom-meta hide\">\n\t\t<strong rel=\"author\" itemprop=\"author\" class=\"author vcard\"><span class=\"fn\">adminpsib<\/span><\/strong>\n\t\t<time class=\"date published time\" datetime=\"2019-07-05T15:07:06+02:00\" itemprop=\"datePublished\" content=\"2019-07-05T15:07:06+02:00\">05\/07\/2019<\/time>\n\t\t<meta itemprop=\"dateModified\" class=\"date updated\" content=\"2020-01-08T14:41:45+02:00\">\n\t\t<span class=\"hide\" itemprop=\"publisher\" itemscope itemtype=\"https:\/\/schema.org\/Organization\">\n\t\t\t<meta itemprop=\"name\" content=\"SocialistesdMca\">\n\t\t\t<span itemprop=\"logo\" itemscope itemtype=\"https:\/\/schema.org\/ImageObject\">\n\t\t\t\t<meta itemprop=\"url\" content=\"https:\/\/www.psib-psoe.org\/mallorca\/wp-content\/themes\/notio-wp\/assets\/img\/logo.png\">\n\t\t\t<\/span>\n\t\t\t<meta itemprop=\"url\" content=\"https:\/\/www.psib-psoe.org\/mallorca\/\">\n\t\t<\/span>\n\t\t\t\t<span class=\"hide\" itemprop=\"image\" itemscope itemtype=\"http:\/\/schema.org\/ImageObject\">\n\t\t\t<meta itemprop=\"url\" content=\"https:\/\/www.psib-psoe.org\/mallorca\/wp-content\/uploads\/Acords-per-Mallorca-2019.jpg\">\n\t\t\t<meta itemprop=\"width\" content=\"1000\">\n\t\t\t<meta itemprop=\"height\" content=\"750\">\n\t\t<\/span>\n\t\t\t\t<meta itemscope itemprop=\"mainEntityOfPage\" itemtype=\"https:\/\/schema.org\/WebPage\" itemid=\"https:\/\/www.psib-psoe.org\/mallorca\/psib-psoe-mes-per-mallorca-i-unides-podem-signen-els-acords-per-mallorca-els-quals-garanteixen-quatre-anys-mes-de-politiques-de-canvi-al-consell-de-mallorca\/\">\n\t<\/aside>\n\t\t<\/article>\n<\/div>\n<div class=\"small-12 large-4 columns\">\n\t<article itemscope itemtype=\"http:\/\/schema.org\/Article\" class=\"post blog-style7 alt post-23953 type-post status-publish format-standard has-post-thumbnail hentry category-consell-de-mallorca category-federacio-de-mallorca\" role=\"article\">\n\t\t<figure class=\"post-gallery\"><img loading=\"lazy\" decoding=\"async\" width=\"600\" height=\"400\" src=\"https:\/\/www.psib-psoe.org\/mallorca\/wp-content\/uploads\/consell-politic-fsm-juliol-2019-600x400.jpg\" class=\"attachment-notio-general-x2 size-notio-general-x2 wp-post-image\" alt=\"\" srcset=\"https:\/\/www.psib-psoe.org\/mallorca\/wp-content\/uploads\/consell-politic-fsm-juliol-2019-600x400.jpg 600w, https:\/\/www.psib-psoe.org\/mallorca\/wp-content\/uploads\/consell-politic-fsm-juliol-2019-300x200.jpg 300w, https:\/\/www.psib-psoe.org\/mallorca\/wp-content\/uploads\/consell-politic-fsm-juliol-2019-900x600.jpg 900w, https:\/\/www.psib-psoe.org\/mallorca\/wp-content\/uploads\/consell-politic-fsm-juliol-2019-20x13.jpg 20w\" sizes=\"(max-width: 600px) 100vw, 600px\" \/><\/figure>\n\t\t<div class=\"blog-top\">\n\t\t\t<header class=\"post-title entry-header\">\n\t\t\t\t<aside class=\"post-meta cf\">\n\t\t03\/07\/2019 \/ <a href=\"https:\/\/www.psib-psoe.org\/mallorca\/category\/consell-de-mallorca\/\" rel=\"category tag\">Consell de Mallorca<\/a>, <a href=\"https:\/\/www.psib-psoe.org\/mallorca\/category\/federacio-de-mallorca\/\" rel=\"category tag\">Federaci\u00f3 de Mallorca<\/a><\/aside>\n\t\t\t\t<h3 itemprop=\"headline\"><a href=\"https:\/\/www.psib-psoe.org\/mallorca\/el-consell-politic-dels-socialistes-de-mallorca-valida-el-principi-dacord-de-governabilitat-per-al-consell-de-mallorca\/\" title=\"El Consell Pol\u00edtic dels Socialistes de Mallorca valida el principi d\u2019acord de governabilitat per al Consell de Mallorca\">El Consell Pol\u00edtic dels Socialistes de Mallorca valida el principi d\u2019acord de governabilitat per al Consell de Mallorca<\/a><\/h3>\n\t\t\t<\/header>\n\t\t<\/div>\n\t\t<div class=\"post-content\">\n\t\t\t<a href=\"https:\/\/www.psib-psoe.org\/mallorca\/el-consell-politic-dels-socialistes-de-mallorca-valida-el-principi-dacord-de-governabilitat-per-al-consell-de-mallorca\/\" class=\"more-link\">Read More<\/a>\n\t\t<\/div>\n\t\t\t<aside class=\"post-bottom-meta hide\">\n\t\t<strong rel=\"author\" itemprop=\"author\" class=\"author vcard\"><span class=\"fn\">adminpsib<\/span><\/strong>\n\t\t<time class=\"date published time\" datetime=\"2019-07-03T19:35:28+02:00\" itemprop=\"datePublished\" content=\"2019-07-03T19:35:28+02:00\">03\/07\/2019<\/time>\n\t\t<meta itemprop=\"dateModified\" class=\"date updated\" content=\"2019-12-05T11:59:57+02:00\">\n\t\t<span class=\"hide\" itemprop=\"publisher\" itemscope itemtype=\"https:\/\/schema.org\/Organization\">\n\t\t\t<meta itemprop=\"name\" content=\"SocialistesdMca\">\n\t\t\t<span itemprop=\"logo\" itemscope itemtype=\"https:\/\/schema.org\/ImageObject\">\n\t\t\t\t<meta itemprop=\"url\" content=\"https:\/\/www.psib-psoe.org\/mallorca\/wp-content\/themes\/notio-wp\/assets\/img\/logo.png\">\n\t\t\t<\/span>\n\t\t\t<meta itemprop=\"url\" content=\"https:\/\/www.psib-psoe.org\/mallorca\/\">\n\t\t<\/span>\n\t\t\t\t<span class=\"hide\" itemprop=\"image\" itemscope itemtype=\"http:\/\/schema.org\/ImageObject\">\n\t\t\t<meta itemprop=\"url\" content=\"https:\/\/www.psib-psoe.org\/mallorca\/wp-content\/uploads\/consell-politic-fsm-juliol-2019.jpg\">\n\t\t\t<meta itemprop=\"width\" content=\"1000\">\n\t\t\t<meta itemprop=\"height\" content=\"750\">\n\t\t<\/span>\n\t\t\t\t<meta itemscope itemprop=\"mainEntityOfPage\" itemtype=\"https:\/\/schema.org\/WebPage\" itemid=\"https:\/\/www.psib-psoe.org\/mallorca\/el-consell-politic-dels-socialistes-de-mallorca-valida-el-principi-dacord-de-governabilitat-per-al-consell-de-mallorca\/\">\n\t<\/aside>\n\t\t<\/article>\n<\/div>\n<div class=\"small-12 large-4 columns\">\n\t<article itemscope itemtype=\"http:\/\/schema.org\/Article\" class=\"post blog-style7 alt post-23950 type-post status-publish format-standard has-post-thumbnail hentry category-consell-de-mallorca category-federacio-de-mallorca\" role=\"article\">\n\t\t<figure class=\"post-gallery\"><img loading=\"lazy\" decoding=\"async\" width=\"600\" height=\"400\" src=\"https:\/\/www.psib-psoe.org\/mallorca\/wp-content\/uploads\/catalina-cladera-presentacio-programa-electoral-mallorca-eleccions-2019-1-600x400.jpeg\" class=\"attachment-notio-general-x2 size-notio-general-x2 wp-post-image\" alt=\"\" srcset=\"https:\/\/www.psib-psoe.org\/mallorca\/wp-content\/uploads\/catalina-cladera-presentacio-programa-electoral-mallorca-eleccions-2019-1-600x400.jpeg 600w, https:\/\/www.psib-psoe.org\/mallorca\/wp-content\/uploads\/catalina-cladera-presentacio-programa-electoral-mallorca-eleccions-2019-1-300x200.jpeg 300w, https:\/\/www.psib-psoe.org\/mallorca\/wp-content\/uploads\/catalina-cladera-presentacio-programa-electoral-mallorca-eleccions-2019-1-900x600.jpeg 900w, https:\/\/www.psib-psoe.org\/mallorca\/wp-content\/uploads\/catalina-cladera-presentacio-programa-electoral-mallorca-eleccions-2019-1-20x13.jpeg 20w\" sizes=\"(max-width: 600px) 100vw, 600px\" \/><\/figure>\n\t\t<div class=\"blog-top\">\n\t\t\t<header class=\"post-title entry-header\">\n\t\t\t\t<aside class=\"post-meta cf\">\n\t\t01\/07\/2019 \/ <a href=\"https:\/\/www.psib-psoe.org\/mallorca\/category\/consell-de-mallorca\/\" rel=\"category tag\">Consell de Mallorca<\/a>, <a href=\"https:\/\/www.psib-psoe.org\/mallorca\/category\/federacio-de-mallorca\/\" rel=\"category tag\">Federaci\u00f3 de Mallorca<\/a><\/aside>\n\t\t\t\t<h3 itemprop=\"headline\"><a href=\"https:\/\/www.psib-psoe.org\/mallorca\/psib-psoe-i-unides-podem-arriben-a-un-principi-dacord-per-garantir-la-governabilitat-i-lestabilitat-del-consell-de-mallorca\/\" title=\"PSIB-PSOE i Unides Podem arriben a un principi d\u2019acord per garantir la governabilitat i l\u2019estabilitat del Consell de Mallorca\">PSIB-PSOE i Unides Podem arriben a un principi d\u2019acord per garantir la governabilitat i l\u2019estabilitat del Consell de Mallorca<\/a><\/h3>\n\t\t\t<\/header>\n\t\t<\/div>\n\t\t<div class=\"post-content\">\n\t\t\t<a href=\"https:\/\/www.psib-psoe.org\/mallorca\/psib-psoe-i-unides-podem-arriben-a-un-principi-dacord-per-garantir-la-governabilitat-i-lestabilitat-del-consell-de-mallorca\/\" class=\"more-link\">Read More<\/a>\n\t\t<\/div>\n\t\t\t<aside class=\"post-bottom-meta hide\">\n\t\t<strong rel=\"author\" itemprop=\"author\" class=\"author vcard\"><span class=\"fn\">adminpsib<\/span><\/strong>\n\t\t<time class=\"date published time\" datetime=\"2019-07-01T14:02:51+02:00\" itemprop=\"datePublished\" content=\"2019-07-01T14:02:51+02:00\">01\/07\/2019<\/time>\n\t\t<meta itemprop=\"dateModified\" class=\"date updated\" content=\"2019-12-05T12:00:04+02:00\">\n\t\t<span class=\"hide\" itemprop=\"publisher\" itemscope itemtype=\"https:\/\/schema.org\/Organization\">\n\t\t\t<meta itemprop=\"name\" content=\"SocialistesdMca\">\n\t\t\t<span itemprop=\"logo\" itemscope itemtype=\"https:\/\/schema.org\/ImageObject\">\n\t\t\t\t<meta itemprop=\"url\" content=\"https:\/\/www.psib-psoe.org\/mallorca\/wp-content\/themes\/notio-wp\/assets\/img\/logo.png\">\n\t\t\t<\/span>\n\t\t\t<meta itemprop=\"url\" content=\"https:\/\/www.psib-psoe.org\/mallorca\/\">\n\t\t<\/span>\n\t\t\t\t<span class=\"hide\" itemprop=\"image\" itemscope itemtype=\"http:\/\/schema.org\/ImageObject\">\n\t\t\t<meta itemprop=\"url\" content=\"https:\/\/www.psib-psoe.org\/mallorca\/wp-content\/uploads\/catalina-cladera-presentacio-programa-electoral-mallorca-eleccions-2019-1.jpeg\">\n\t\t\t<meta itemprop=\"width\" content=\"1000\">\n\t\t\t<meta itemprop=\"height\" content=\"750\">\n\t\t<\/span>\n\t\t\t\t<meta itemscope itemprop=\"mainEntityOfPage\" itemtype=\"https:\/\/schema.org\/WebPage\" itemid=\"https:\/\/www.psib-psoe.org\/mallorca\/psib-psoe-i-unides-podem-arriben-a-un-principi-dacord-per-garantir-la-governabilitat-i-lestabilitat-del-consell-de-mallorca\/\">\n\t<\/aside>\n\t\t<\/article>\n<\/div>\n<div class=\"small-12 large-4 columns\">\n\t<article itemscope itemtype=\"http:\/\/schema.org\/Article\" class=\"post blog-style7 alt post-23939 type-post status-publish format-standard has-post-thumbnail hentry category-federacio-de-mallorca category-municipis\" role=\"article\">\n\t\t<figure class=\"post-gallery\"><img loading=\"lazy\" decoding=\"async\" width=\"600\" height=\"400\" src=\"https:\/\/www.psib-psoe.org\/mallorca\/wp-content\/uploads\/francina-armengol-investidura-jose-hila-juny-2019-600x400.jpeg\" class=\"attachment-notio-general-x2 size-notio-general-x2 wp-post-image\" alt=\"\" srcset=\"https:\/\/www.psib-psoe.org\/mallorca\/wp-content\/uploads\/francina-armengol-investidura-jose-hila-juny-2019-600x400.jpeg 600w, https:\/\/www.psib-psoe.org\/mallorca\/wp-content\/uploads\/francina-armengol-investidura-jose-hila-juny-2019-300x200.jpeg 300w, https:\/\/www.psib-psoe.org\/mallorca\/wp-content\/uploads\/francina-armengol-investidura-jose-hila-juny-2019-768x511.jpeg 768w, https:\/\/www.psib-psoe.org\/mallorca\/wp-content\/uploads\/francina-armengol-investidura-jose-hila-juny-2019-150x100.jpeg 150w, https:\/\/www.psib-psoe.org\/mallorca\/wp-content\/uploads\/francina-armengol-investidura-jose-hila-juny-2019-900x600.jpeg 900w, https:\/\/www.psib-psoe.org\/mallorca\/wp-content\/uploads\/francina-armengol-investidura-jose-hila-juny-2019-20x13.jpeg 20w, https:\/\/www.psib-psoe.org\/mallorca\/wp-content\/uploads\/francina-armengol-investidura-jose-hila-juny-2019.jpeg 1000w\" sizes=\"(max-width: 600px) 100vw, 600px\" \/><\/figure>\n\t\t<div class=\"blog-top\">\n\t\t\t<header class=\"post-title entry-header\">\n\t\t\t\t<aside class=\"post-meta cf\">\n\t\t15\/06\/2019 \/ <a href=\"https:\/\/www.psib-psoe.org\/mallorca\/category\/federacio-de-mallorca\/\" rel=\"category tag\">Federaci\u00f3 de Mallorca<\/a>, <a href=\"https:\/\/www.psib-psoe.org\/mallorca\/category\/municipis\/\" rel=\"category tag\">Municipis<\/a><\/aside>\n\t\t\t\t<h3 itemprop=\"headline\"><a href=\"https:\/\/www.psib-psoe.org\/mallorca\/el-psib-psoe-es-converteix-en-la-principal-forca-municipal-de-les-illes-balears-amb-25-batlies\/\" title=\"El PSIB-PSOE es converteix en la principal for\u00e7a municipal de les Illes Balears amb 25 batlies\">El PSIB-PSOE es converteix en la principal for\u00e7a municipal de les Illes Balears amb 25 batlies<\/a><\/h3>\n\t\t\t<\/header>\n\t\t<\/div>\n\t\t<div class=\"post-content\">\n\t\t\t<a href=\"https:\/\/www.psib-psoe.org\/mallorca\/el-psib-psoe-es-converteix-en-la-principal-forca-municipal-de-les-illes-balears-amb-25-batlies\/\" class=\"more-link\">Read More<\/a>\n\t\t<\/div>\n\t\t\t<aside class=\"post-bottom-meta hide\">\n\t\t<strong rel=\"author\" itemprop=\"author\" class=\"author vcard\"><span class=\"fn\">adminpsib<\/span><\/strong>\n\t\t<time class=\"date published time\" datetime=\"2019-06-15T16:43:51+02:00\" itemprop=\"datePublished\" content=\"2019-06-15T16:43:51+02:00\">15\/06\/2019<\/time>\n\t\t<meta itemprop=\"dateModified\" class=\"date updated\" content=\"2019-12-05T12:04:21+02:00\">\n\t\t<span class=\"hide\" itemprop=\"publisher\" itemscope itemtype=\"https:\/\/schema.org\/Organization\">\n\t\t\t<meta itemprop=\"name\" content=\"SocialistesdMca\">\n\t\t\t<span itemprop=\"logo\" itemscope itemtype=\"https:\/\/schema.org\/ImageObject\">\n\t\t\t\t<meta itemprop=\"url\" content=\"https:\/\/www.psib-psoe.org\/mallorca\/wp-content\/themes\/notio-wp\/assets\/img\/logo.png\">\n\t\t\t<\/span>\n\t\t\t<meta itemprop=\"url\" content=\"https:\/\/www.psib-psoe.org\/mallorca\/\">\n\t\t<\/span>\n\t\t\t\t<span class=\"hide\" itemprop=\"image\" itemscope itemtype=\"http:\/\/schema.org\/ImageObject\">\n\t\t\t<meta itemprop=\"url\" content=\"https:\/\/www.psib-psoe.org\/mallorca\/wp-content\/uploads\/francina-armengol-investidura-jose-hila-juny-2019.jpeg\">\n\t\t\t<meta itemprop=\"width\" content=\"1000\">\n\t\t\t<meta itemprop=\"height\" content=\"666\">\n\t\t<\/span>\n\t\t\t\t<meta itemscope itemprop=\"mainEntityOfPage\" itemtype=\"https:\/\/schema.org\/WebPage\" itemid=\"https:\/\/www.psib-psoe.org\/mallorca\/el-psib-psoe-es-converteix-en-la-principal-forca-municipal-de-les-illes-balears-amb-25-batlies\/\">\n\t<\/aside>\n\t\t<\/article>\n<\/div>\n<div class=\"small-12 large-4 columns\">\n\t<article itemscope itemtype=\"http:\/\/schema.org\/Article\" class=\"post blog-style7 alt post-23770 type-post status-publish format-standard has-post-thumbnail hentry category-federacio-de-mallorca category-municipis\" role=\"article\">\n\t\t<figure class=\"post-gallery\"><img loading=\"lazy\" decoding=\"async\" width=\"600\" height=\"311\" src=\"https:\/\/www.psib-psoe.org\/mallorca\/wp-content\/uploads\/comissio-executiva-socialistes-de-mallorca-28-maig-2019.jpg\" class=\"attachment-notio-general-x2 size-notio-general-x2 wp-post-image\" alt=\"\" srcset=\"https:\/\/www.psib-psoe.org\/mallorca\/wp-content\/uploads\/comissio-executiva-socialistes-de-mallorca-28-maig-2019.jpg 1000w, https:\/\/www.psib-psoe.org\/mallorca\/wp-content\/uploads\/comissio-executiva-socialistes-de-mallorca-28-maig-2019-300x155.jpg 300w, https:\/\/www.psib-psoe.org\/mallorca\/wp-content\/uploads\/comissio-executiva-socialistes-de-mallorca-28-maig-2019-768x398.jpg 768w, https:\/\/www.psib-psoe.org\/mallorca\/wp-content\/uploads\/comissio-executiva-socialistes-de-mallorca-28-maig-2019-900x466.jpg 900w\" sizes=\"(max-width: 600px) 100vw, 600px\" \/><\/figure>\n\t\t<div class=\"blog-top\">\n\t\t\t<header class=\"post-title entry-header\">\n\t\t\t\t<aside class=\"post-meta cf\">\n\t\t28\/05\/2019 \/ <a href=\"https:\/\/www.psib-psoe.org\/mallorca\/category\/federacio-de-mallorca\/\" rel=\"category tag\">Federaci\u00f3 de Mallorca<\/a>, <a href=\"https:\/\/www.psib-psoe.org\/mallorca\/category\/municipis\/\" rel=\"category tag\">Municipis<\/a><\/aside>\n\t\t\t\t<h3 itemprop=\"headline\"><a href=\"https:\/\/www.psib-psoe.org\/mallorca\/cladera-les-urnes-aposten-per-reeditar-un-pacte-i-que-les-forces-de-progres-i-les-politiques-desquerra-continuin\/\" title=\"Cladera: \u201cLes urnes aposten per reeditar un pacte i que les forces de progr\u00e9s i les pol\u00edtiques d\u2019esquerra continu\u00efn\u201d\">Cladera: \u201cLes urnes aposten per reeditar un pacte i que les forces de progr\u00e9s i les pol\u00edtiques d\u2019esquerra continu\u00efn\u201d<\/a><\/h3>\n\t\t\t<\/header>\n\t\t<\/div>\n\t\t<div class=\"post-content\">\n\t\t\t<a href=\"https:\/\/www.psib-psoe.org\/mallorca\/cladera-les-urnes-aposten-per-reeditar-un-pacte-i-que-les-forces-de-progres-i-les-politiques-desquerra-continuin\/\" class=\"more-link\">Read More<\/a>\n\t\t<\/div>\n\t\t\t<aside class=\"post-bottom-meta hide\">\n\t\t<strong rel=\"author\" itemprop=\"author\" class=\"author vcard\"><span class=\"fn\">adminpsib<\/span><\/strong>\n\t\t<time class=\"date published time\" datetime=\"2019-05-28T18:29:17+02:00\" itemprop=\"datePublished\" content=\"2019-05-28T18:29:17+02:00\">28\/05\/2019<\/time>\n\t\t<meta itemprop=\"dateModified\" class=\"date updated\" content=\"2020-01-08T14:42:51+02:00\">\n\t\t<span class=\"hide\" itemprop=\"publisher\" itemscope itemtype=\"https:\/\/schema.org\/Organization\">\n\t\t\t<meta itemprop=\"name\" content=\"SocialistesdMca\">\n\t\t\t<span itemprop=\"logo\" itemscope itemtype=\"https:\/\/schema.org\/ImageObject\">\n\t\t\t\t<meta itemprop=\"url\" content=\"https:\/\/www.psib-psoe.org\/mallorca\/wp-content\/themes\/notio-wp\/assets\/img\/logo.png\">\n\t\t\t<\/span>\n\t\t\t<meta itemprop=\"url\" content=\"https:\/\/www.psib-psoe.org\/mallorca\/\">\n\t\t<\/span>\n\t\t\t\t<span class=\"hide\" itemprop=\"image\" itemscope itemtype=\"http:\/\/schema.org\/ImageObject\">\n\t\t\t<meta itemprop=\"url\" content=\"https:\/\/www.psib-psoe.org\/mallorca\/wp-content\/uploads\/comissio-executiva-socialistes-de-mallorca-28-maig-2019.jpg\">\n\t\t\t<meta itemprop=\"width\" content=\"1000\">\n\t\t\t<meta itemprop=\"height\" content=\"518\">\n\t\t<\/span>\n\t\t\t\t<meta itemscope itemprop=\"mainEntityOfPage\" itemtype=\"https:\/\/schema.org\/WebPage\" itemid=\"https:\/\/www.psib-psoe.org\/mallorca\/cladera-les-urnes-aposten-per-reeditar-un-pacte-i-que-les-forces-de-progres-i-les-politiques-desquerra-continuin\/\">\n\t<\/aside>\n\t\t<\/article>\n<\/div>\n<div class=\"small-12 large-4 columns\">\n\t<article itemscope itemtype=\"http:\/\/schema.org\/Article\" class=\"post blog-style7 alt post-25180 type-post status-publish format-standard has-post-thumbnail hentry category-federacio-de-mallorca tag-federacio-socialista-de-mallorca\" role=\"article\">\n\t\t<figure class=\"post-gallery\"><img loading=\"lazy\" decoding=\"async\" width=\"600\" height=\"400\" src=\"https:\/\/www.psib-psoe.org\/mallorca\/wp-content\/uploads\/190528_WEB-1-600x400.jpg\" class=\"attachment-notio-general-x2 size-notio-general-x2 wp-post-image\" alt=\"\" srcset=\"https:\/\/www.psib-psoe.org\/mallorca\/wp-content\/uploads\/190528_WEB-1-600x400.jpg 600w, https:\/\/www.psib-psoe.org\/mallorca\/wp-content\/uploads\/190528_WEB-1-300x200.jpg 300w, https:\/\/www.psib-psoe.org\/mallorca\/wp-content\/uploads\/190528_WEB-1-900x600.jpg 900w, https:\/\/www.psib-psoe.org\/mallorca\/wp-content\/uploads\/190528_WEB-1-20x13.jpg 20w\" sizes=\"(max-width: 600px) 100vw, 600px\" \/><\/figure>\n\t\t<div class=\"blog-top\">\n\t\t\t<header class=\"post-title entry-header\">\n\t\t\t\t<aside class=\"post-meta cf\">\n\t\t28\/05\/2019 \/ <a href=\"https:\/\/www.psib-psoe.org\/mallorca\/category\/federacio-de-mallorca\/\" rel=\"category tag\">Federaci\u00f3 de Mallorca<\/a><\/aside>\n\t\t\t\t<h3 itemprop=\"headline\"><a href=\"https:\/\/www.psib-psoe.org\/mallorca\/el-psib-psoe-agraeix-als-seus-votants-els-millors-resultats-de-la-seva-historia-amb-una-pancarta-gegant-a-la-seu-del-carrer-miracle\/\" title=\"El PSIB-PSOE agraeix als seus votants els millors resultats de la seva hist\u00f2ria amb una pancarta gegant a la seu del carrer Miracle\">El PSIB-PSOE agraeix als seus votants els millors resultats de la seva hist\u00f2ria amb una pancarta gegant a la seu del carrer Miracle<\/a><\/h3>\n\t\t\t<\/header>\n\t\t<\/div>\n\t\t<div class=\"post-content\">\n\t\t\t<a href=\"https:\/\/www.psib-psoe.org\/mallorca\/el-psib-psoe-agraeix-als-seus-votants-els-millors-resultats-de-la-seva-historia-amb-una-pancarta-gegant-a-la-seu-del-carrer-miracle\/\" class=\"more-link\">Read More<\/a>\n\t\t<\/div>\n\t\t\t<aside class=\"post-bottom-meta hide\">\n\t\t<strong rel=\"author\" itemprop=\"author\" class=\"author vcard\"><span class=\"fn\">adminpsib<\/span><\/strong>\n\t\t<time class=\"date published time\" datetime=\"2019-05-28T09:54:22+02:00\" itemprop=\"datePublished\" content=\"2019-05-28T09:54:22+02:00\">28\/05\/2019<\/time>\n\t\t<meta itemprop=\"dateModified\" class=\"date updated\" content=\"2019-05-28T09:54:22+02:00\">\n\t\t<span class=\"hide\" itemprop=\"publisher\" itemscope itemtype=\"https:\/\/schema.org\/Organization\">\n\t\t\t<meta itemprop=\"name\" content=\"SocialistesdMca\">\n\t\t\t<span itemprop=\"logo\" itemscope itemtype=\"https:\/\/schema.org\/ImageObject\">\n\t\t\t\t<meta itemprop=\"url\" content=\"https:\/\/www.psib-psoe.org\/mallorca\/wp-content\/themes\/notio-wp\/assets\/img\/logo.png\">\n\t\t\t<\/span>\n\t\t\t<meta itemprop=\"url\" content=\"https:\/\/www.psib-psoe.org\/mallorca\/\">\n\t\t<\/span>\n\t\t\t\t<span class=\"hide\" itemprop=\"image\" itemscope itemtype=\"http:\/\/schema.org\/ImageObject\">\n\t\t\t<meta itemprop=\"url\" content=\"https:\/\/www.psib-psoe.org\/mallorca\/wp-content\/uploads\/190528_WEB-1.jpg\">\n\t\t\t<meta itemprop=\"width\" content=\"1000\">\n\t\t\t<meta itemprop=\"height\" content=\"750\">\n\t\t<\/span>\n\t\t\t\t<meta itemscope itemprop=\"mainEntityOfPage\" itemtype=\"https:\/\/schema.org\/WebPage\" itemid=\"https:\/\/www.psib-psoe.org\/mallorca\/el-psib-psoe-agraeix-als-seus-votants-els-millors-resultats-de-la-seva-historia-amb-una-pancarta-gegant-a-la-seu-del-carrer-miracle\/\">\n\t<\/aside>\n\t\t<\/article>\n<\/div>\n<div class=\"small-12 large-4 columns\">\n\t<article itemscope itemtype=\"http:\/\/schema.org\/Article\" class=\"post blog-style7 alt post-25183 type-post status-publish format-standard has-post-thumbnail hentry category-federacio-de-mallorca tag-federacio-socialista-de-mallorca\" role=\"article\">\n\t\t<figure class=\"post-gallery\"><img loading=\"lazy\" decoding=\"async\" width=\"600\" height=\"400\" src=\"https:\/\/www.psib-psoe.org\/mallorca\/wp-content\/uploads\/francina-armengol-catalina-cladera-jose-hila-alicia-homs-victoria-eleccions-26-maig-2019-1-600x400.jpg\" class=\"attachment-notio-general-x2 size-notio-general-x2 wp-post-image\" alt=\"\" srcset=\"https:\/\/www.psib-psoe.org\/mallorca\/wp-content\/uploads\/francina-armengol-catalina-cladera-jose-hila-alicia-homs-victoria-eleccions-26-maig-2019-1-600x400.jpg 600w, https:\/\/www.psib-psoe.org\/mallorca\/wp-content\/uploads\/francina-armengol-catalina-cladera-jose-hila-alicia-homs-victoria-eleccions-26-maig-2019-1-300x200.jpg 300w, https:\/\/www.psib-psoe.org\/mallorca\/wp-content\/uploads\/francina-armengol-catalina-cladera-jose-hila-alicia-homs-victoria-eleccions-26-maig-2019-1-900x600.jpg 900w, https:\/\/www.psib-psoe.org\/mallorca\/wp-content\/uploads\/francina-armengol-catalina-cladera-jose-hila-alicia-homs-victoria-eleccions-26-maig-2019-1-20x13.jpg 20w\" sizes=\"(max-width: 600px) 100vw, 600px\" \/><\/figure>\n\t\t<div class=\"blog-top\">\n\t\t\t<header class=\"post-title entry-header\">\n\t\t\t\t<aside class=\"post-meta cf\">\n\t\t27\/05\/2019 \/ <a href=\"https:\/\/www.psib-psoe.org\/mallorca\/category\/federacio-de-mallorca\/\" rel=\"category tag\">Federaci\u00f3 de Mallorca<\/a><\/aside>\n\t\t\t\t<h3 itemprop=\"headline\"><a href=\"https:\/\/www.psib-psoe.org\/mallorca\/el-psib-psoe-celebra-la-victoria-historica-que-permetra-governar-vuit-anys-seguits-per-primera-vegada-al-govern-de-les-illes-balears\/\" title=\"El PSIB-PSOE celebra \u201cla vict\u00f2ria hist\u00f2rica\u201d que permetr\u00e0 governar vuit anys seguits per primera vegada al Govern de les Illes Balears\">El PSIB-PSOE celebra \u201cla vict\u00f2ria hist\u00f2rica\u201d que permetr\u00e0 governar vuit anys seguits per primera vegada al Govern de les Illes Balears<\/a><\/h3>\n\t\t\t<\/header>\n\t\t<\/div>\n\t\t<div class=\"post-content\">\n\t\t\t<a href=\"https:\/\/www.psib-psoe.org\/mallorca\/el-psib-psoe-celebra-la-victoria-historica-que-permetra-governar-vuit-anys-seguits-per-primera-vegada-al-govern-de-les-illes-balears\/\" class=\"more-link\">Read More<\/a>\n\t\t<\/div>\n\t\t\t<aside class=\"post-bottom-meta hide\">\n\t\t<strong rel=\"author\" itemprop=\"author\" class=\"author vcard\"><span class=\"fn\">adminpsib<\/span><\/strong>\n\t\t<time class=\"date published time\" datetime=\"2019-05-27T01:44:26+02:00\" itemprop=\"datePublished\" content=\"2019-05-27T01:44:26+02:00\">27\/05\/2019<\/time>\n\t\t<meta itemprop=\"dateModified\" class=\"date updated\" content=\"2019-05-27T01:44:26+02:00\">\n\t\t<span class=\"hide\" itemprop=\"publisher\" itemscope itemtype=\"https:\/\/schema.org\/Organization\">\n\t\t\t<meta itemprop=\"name\" content=\"SocialistesdMca\">\n\t\t\t<span itemprop=\"logo\" itemscope itemtype=\"https:\/\/schema.org\/ImageObject\">\n\t\t\t\t<meta itemprop=\"url\" content=\"https:\/\/www.psib-psoe.org\/mallorca\/wp-content\/themes\/notio-wp\/assets\/img\/logo.png\">\n\t\t\t<\/span>\n\t\t\t<meta itemprop=\"url\" content=\"https:\/\/www.psib-psoe.org\/mallorca\/\">\n\t\t<\/span>\n\t\t\t\t<span class=\"hide\" itemprop=\"image\" itemscope itemtype=\"http:\/\/schema.org\/ImageObject\">\n\t\t\t<meta itemprop=\"url\" content=\"https:\/\/www.psib-psoe.org\/mallorca\/wp-content\/uploads\/francina-armengol-catalina-cladera-jose-hila-alicia-homs-victoria-eleccions-26-maig-2019-1.jpg\">\n\t\t\t<meta itemprop=\"width\" content=\"1000\">\n\t\t\t<meta itemprop=\"height\" content=\"750\">\n\t\t<\/span>\n\t\t\t\t<meta itemscope itemprop=\"mainEntityOfPage\" itemtype=\"https:\/\/schema.org\/WebPage\" itemid=\"https:\/\/www.psib-psoe.org\/mallorca\/el-psib-psoe-celebra-la-victoria-historica-que-permetra-governar-vuit-anys-seguits-per-primera-vegada-al-govern-de-les-illes-balears\/\">\n\t<\/aside>\n\t\t<\/article>\n<\/div>\n<div class=\"small-12 large-4 columns\">\n\t<article itemscope itemtype=\"http:\/\/schema.org\/Article\" class=\"post blog-style7 alt post-23744 type-post status-publish format-standard has-post-thumbnail hentry category-federacio-de-mallorca\" role=\"article\">\n\t\t<figure class=\"post-gallery\"><img loading=\"lazy\" decoding=\"async\" width=\"533\" height=\"400\" src=\"https:\/\/www.psib-psoe.org\/mallorca\/wp-content\/uploads\/190526_votacio\u0301-CladeraWEB.jpg\" class=\"attachment-notio-general-x2 size-notio-general-x2 wp-post-image\" alt=\"\" srcset=\"https:\/\/www.psib-psoe.org\/mallorca\/wp-content\/uploads\/190526_votacio\u0301-CladeraWEB.jpg 1000w, https:\/\/www.psib-psoe.org\/mallorca\/wp-content\/uploads\/190526_votacio\u0301-CladeraWEB-300x225.jpg 300w, https:\/\/www.psib-psoe.org\/mallorca\/wp-content\/uploads\/190526_votacio\u0301-CladeraWEB-768x576.jpg 768w, https:\/\/www.psib-psoe.org\/mallorca\/wp-content\/uploads\/190526_votacio\u0301-CladeraWEB-900x675.jpg 900w\" sizes=\"(max-width: 533px) 100vw, 533px\" \/><\/figure>\n\t\t<div class=\"blog-top\">\n\t\t\t<header class=\"post-title entry-header\">\n\t\t\t\t<aside class=\"post-meta cf\">\n\t\t26\/05\/2019 \/ <a href=\"https:\/\/www.psib-psoe.org\/mallorca\/category\/federacio-de-mallorca\/\" rel=\"category tag\">Federaci\u00f3 de Mallorca<\/a><\/aside>\n\t\t\t\t<h3 itemprop=\"headline\"><a href=\"https:\/\/www.psib-psoe.org\/mallorca\/cladera-demana-una-gran-participacio-per-exercir-el-vot-un-dels-drets-mes-importants-que-ens-dona-la-democracia\/\" title=\"Cladera demana \u201cuna gran participaci\u00f3 per exercir el vot, un dels drets m\u00e9s importants que ens d\u00f3na la democr\u00e0cia\u201d\">Cladera demana \u201cuna gran participaci\u00f3 per exercir el vot, un dels drets m\u00e9s importants que ens d\u00f3na la democr\u00e0cia\u201d<\/a><\/h3>\n\t\t\t<\/header>\n\t\t<\/div>\n\t\t<div class=\"post-content\">\n\t\t\t<a href=\"https:\/\/www.psib-psoe.org\/mallorca\/cladera-demana-una-gran-participacio-per-exercir-el-vot-un-dels-drets-mes-importants-que-ens-dona-la-democracia\/\" class=\"more-link\">Read More<\/a>\n\t\t<\/div>\n\t\t\t<aside class=\"post-bottom-meta hide\">\n\t\t<strong rel=\"author\" itemprop=\"author\" class=\"author vcard\"><span class=\"fn\">adminpsib<\/span><\/strong>\n\t\t<time class=\"date published time\" datetime=\"2019-05-26T11:33:44+02:00\" itemprop=\"datePublished\" content=\"2019-05-26T11:33:44+02:00\">26\/05\/2019<\/time>\n\t\t<meta itemprop=\"dateModified\" class=\"date updated\" content=\"2020-01-08T14:43:09+02:00\">\n\t\t<span class=\"hide\" itemprop=\"publisher\" itemscope itemtype=\"https:\/\/schema.org\/Organization\">\n\t\t\t<meta itemprop=\"name\" content=\"SocialistesdMca\">\n\t\t\t<span itemprop=\"logo\" itemscope itemtype=\"https:\/\/schema.org\/ImageObject\">\n\t\t\t\t<meta itemprop=\"url\" content=\"https:\/\/www.psib-psoe.org\/mallorca\/wp-content\/themes\/notio-wp\/assets\/img\/logo.png\">\n\t\t\t<\/span>\n\t\t\t<meta itemprop=\"url\" content=\"https:\/\/www.psib-psoe.org\/mallorca\/\">\n\t\t<\/span>\n\t\t\t\t<span class=\"hide\" itemprop=\"image\" itemscope itemtype=\"http:\/\/schema.org\/ImageObject\">\n\t\t\t<meta itemprop=\"url\" content=\"https:\/\/www.psib-psoe.org\/mallorca\/wp-content\/uploads\/190526_votacio\u0301-CladeraWEB.jpg\">\n\t\t\t<meta itemprop=\"width\" content=\"1000\">\n\t\t\t<meta itemprop=\"height\" content=\"750\">\n\t\t<\/span>\n\t\t\t\t<meta itemscope itemprop=\"mainEntityOfPage\" itemtype=\"https:\/\/schema.org\/WebPage\" itemid=\"https:\/\/www.psib-psoe.org\/mallorca\/cladera-demana-una-gran-participacio-per-exercir-el-vot-un-dels-drets-mes-importants-que-ens-dona-la-democracia\/\">\n\t<\/aside>\n\t\t<\/article>\n<\/div>\n<div class=\"small-12 large-4 columns\">\n\t<article itemscope itemtype=\"http:\/\/schema.org\/Article\" class=\"post blog-style7 alt post-25186 type-post status-publish format-standard has-post-thumbnail hentry category-federacio-de-mallorca tag-federacio-socialista-de-mallorca\" role=\"article\">\n\t\t<figure class=\"post-gallery\"><img loading=\"lazy\" decoding=\"async\" width=\"600\" height=\"400\" src=\"https:\/\/www.psib-psoe.org\/mallorca\/wp-content\/uploads\/FAS-Votant-maig-2019-1-600x400.jpg\" class=\"attachment-notio-general-x2 size-notio-general-x2 wp-post-image\" alt=\"\" srcset=\"https:\/\/www.psib-psoe.org\/mallorca\/wp-content\/uploads\/FAS-Votant-maig-2019-1-600x400.jpg 600w, https:\/\/www.psib-psoe.org\/mallorca\/wp-content\/uploads\/FAS-Votant-maig-2019-1-300x200.jpg 300w, https:\/\/www.psib-psoe.org\/mallorca\/wp-content\/uploads\/FAS-Votant-maig-2019-1-900x600.jpg 900w, https:\/\/www.psib-psoe.org\/mallorca\/wp-content\/uploads\/FAS-Votant-maig-2019-1-20x13.jpg 20w\" sizes=\"(max-width: 600px) 100vw, 600px\" \/><\/figure>\n\t\t<div class=\"blog-top\">\n\t\t\t<header class=\"post-title entry-header\">\n\t\t\t\t<aside class=\"post-meta cf\">\n\t\t26\/05\/2019 \/ <a href=\"https:\/\/www.psib-psoe.org\/mallorca\/category\/federacio-de-mallorca\/\" rel=\"category tag\">Federaci\u00f3 de Mallorca<\/a><\/aside>\n\t\t\t\t<h3 itemprop=\"headline\"><a href=\"https:\/\/www.psib-psoe.org\/mallorca\/francina-armengol-demana-a-tothom-que-participi-amb-illusio-amb-forca-i-amb-ganes-daquesta-jornada-electoral\/\" title=\"Francina Armengol demana a tothom que participi \u201camb il\u00b7lusi\u00f3, amb for\u00e7a i amb ganes d\u2019aquesta jornada electoral\u201d\">Francina Armengol demana a tothom que participi \u201camb il\u00b7lusi\u00f3, amb for\u00e7a i amb ganes d\u2019aquesta jornada electoral\u201d<\/a><\/h3>\n\t\t\t<\/header>\n\t\t<\/div>\n\t\t<div class=\"post-content\">\n\t\t\t<a href=\"https:\/\/www.psib-psoe.org\/mallorca\/francina-armengol-demana-a-tothom-que-participi-amb-illusio-amb-forca-i-amb-ganes-daquesta-jornada-electoral\/\" class=\"more-link\">Read More<\/a>\n\t\t<\/div>\n\t\t\t<aside class=\"post-bottom-meta hide\">\n\t\t<strong rel=\"author\" itemprop=\"author\" class=\"author vcard\"><span class=\"fn\">adminpsib<\/span><\/strong>\n\t\t<time class=\"date published time\" datetime=\"2019-05-26T10:03:16+02:00\" itemprop=\"datePublished\" content=\"2019-05-26T10:03:16+02:00\">26\/05\/2019<\/time>\n\t\t<meta itemprop=\"dateModified\" class=\"date updated\" content=\"2019-05-26T10:03:16+02:00\">\n\t\t<span class=\"hide\" itemprop=\"publisher\" itemscope itemtype=\"https:\/\/schema.org\/Organization\">\n\t\t\t<meta itemprop=\"name\" content=\"SocialistesdMca\">\n\t\t\t<span itemprop=\"logo\" itemscope itemtype=\"https:\/\/schema.org\/ImageObject\">\n\t\t\t\t<meta itemprop=\"url\" content=\"https:\/\/www.psib-psoe.org\/mallorca\/wp-content\/themes\/notio-wp\/assets\/img\/logo.png\">\n\t\t\t<\/span>\n\t\t\t<meta itemprop=\"url\" content=\"https:\/\/www.psib-psoe.org\/mallorca\/\">\n\t\t<\/span>\n\t\t\t\t<span class=\"hide\" itemprop=\"image\" itemscope itemtype=\"http:\/\/schema.org\/ImageObject\">\n\t\t\t<meta itemprop=\"url\" content=\"https:\/\/www.psib-psoe.org\/mallorca\/wp-content\/uploads\/FAS-Votant-maig-2019-1.jpg\">\n\t\t\t<meta itemprop=\"width\" content=\"1000\">\n\t\t\t<meta itemprop=\"height\" content=\"898\">\n\t\t<\/span>\n\t\t\t\t<meta itemscope itemprop=\"mainEntityOfPage\" itemtype=\"https:\/\/schema.org\/WebPage\" itemid=\"https:\/\/www.psib-psoe.org\/mallorca\/francina-armengol-demana-a-tothom-que-participi-amb-illusio-amb-forca-i-amb-ganes-daquesta-jornada-electoral\/\">\n\t<\/aside>\n\t\t<\/article>\n<\/div>\n<div class=\"small-12 large-4 columns\">\n\t<article itemscope itemtype=\"http:\/\/schema.org\/Article\" class=\"post blog-style7 alt post-23738 type-post status-publish format-standard has-post-thumbnail hentry category-federacio-de-mallorca category-municipis\" role=\"article\">\n\t\t<figure class=\"post-gallery\"><img loading=\"lazy\" decoding=\"async\" width=\"600\" height=\"312\" src=\"https:\/\/www.psib-psoe.org\/mallorca\/wp-content\/uploads\/Tancament-campanya-2019.jpg\" class=\"attachment-notio-general-x2 size-notio-general-x2 wp-post-image\" alt=\"\" srcset=\"https:\/\/www.psib-psoe.org\/mallorca\/wp-content\/uploads\/Tancament-campanya-2019.jpg 1000w, https:\/\/www.psib-psoe.org\/mallorca\/wp-content\/uploads\/Tancament-campanya-2019-300x156.jpg 300w, https:\/\/www.psib-psoe.org\/mallorca\/wp-content\/uploads\/Tancament-campanya-2019-768x399.jpg 768w, https:\/\/www.psib-psoe.org\/mallorca\/wp-content\/uploads\/Tancament-campanya-2019-900x468.jpg 900w\" sizes=\"(max-width: 600px) 100vw, 600px\" \/><\/figure>\n\t\t<div class=\"blog-top\">\n\t\t\t<header class=\"post-title entry-header\">\n\t\t\t\t<aside class=\"post-meta cf\">\n\t\t24\/05\/2019 \/ <a href=\"https:\/\/www.psib-psoe.org\/mallorca\/category\/federacio-de-mallorca\/\" rel=\"category tag\">Federaci\u00f3 de Mallorca<\/a>, <a href=\"https:\/\/www.psib-psoe.org\/mallorca\/category\/municipis\/\" rel=\"category tag\">Municipis<\/a><\/aside>\n\t\t\t\t<h3 itemprop=\"headline\"><a href=\"https:\/\/www.psib-psoe.org\/mallorca\/francina-armengol-si-tothom-va-a-votar-diumenge-guanyarem-les-eleccions-i-governarem-8-anys-seguits-per-consolidar-el-canvi-iniciat\/\" title=\"Francina Armengol: \u201cSi tothom va a votar diumenge guanyarem les eleccions i governarem 8 anys seguits per consolidar el canvi iniciat\u201d\">Francina Armengol: \u201cSi tothom va a votar diumenge guanyarem les eleccions i governarem 8 anys seguits per consolidar el canvi iniciat\u201d<\/a><\/h3>\n\t\t\t<\/header>\n\t\t<\/div>\n\t\t<div class=\"post-content\">\n\t\t\t<a href=\"https:\/\/www.psib-psoe.org\/mallorca\/francina-armengol-si-tothom-va-a-votar-diumenge-guanyarem-les-eleccions-i-governarem-8-anys-seguits-per-consolidar-el-canvi-iniciat\/\" class=\"more-link\">Read More<\/a>\n\t\t<\/div>\n\t\t\t<aside class=\"post-bottom-meta hide\">\n\t\t<strong rel=\"author\" itemprop=\"author\" class=\"author vcard\"><span class=\"fn\">adminpsib<\/span><\/strong>\n\t\t<time class=\"date published time\" datetime=\"2019-05-24T21:43:44+02:00\" itemprop=\"datePublished\" content=\"2019-05-24T21:43:44+02:00\">24\/05\/2019<\/time>\n\t\t<meta itemprop=\"dateModified\" class=\"date updated\" content=\"2020-01-08T14:43:21+02:00\">\n\t\t<span class=\"hide\" itemprop=\"publisher\" itemscope itemtype=\"https:\/\/schema.org\/Organization\">\n\t\t\t<meta itemprop=\"name\" content=\"SocialistesdMca\">\n\t\t\t<span itemprop=\"logo\" itemscope itemtype=\"https:\/\/schema.org\/ImageObject\">\n\t\t\t\t<meta itemprop=\"url\" content=\"https:\/\/www.psib-psoe.org\/mallorca\/wp-content\/themes\/notio-wp\/assets\/img\/logo.png\">\n\t\t\t<\/span>\n\t\t\t<meta itemprop=\"url\" content=\"https:\/\/www.psib-psoe.org\/mallorca\/\">\n\t\t<\/span>\n\t\t\t\t<span class=\"hide\" itemprop=\"image\" itemscope itemtype=\"http:\/\/schema.org\/ImageObject\">\n\t\t\t<meta itemprop=\"url\" content=\"https:\/\/www.psib-psoe.org\/mallorca\/wp-content\/uploads\/Tancament-campanya-2019.jpg\">\n\t\t\t<meta itemprop=\"width\" content=\"1000\">\n\t\t\t<meta itemprop=\"height\" content=\"520\">\n\t\t<\/span>\n\t\t\t\t<meta itemscope itemprop=\"mainEntityOfPage\" itemtype=\"https:\/\/schema.org\/WebPage\" itemid=\"https:\/\/www.psib-psoe.org\/mallorca\/francina-armengol-si-tothom-va-a-votar-diumenge-guanyarem-les-eleccions-i-governarem-8-anys-seguits-per-consolidar-el-canvi-iniciat\/\">\n\t<\/aside>\n\t\t<\/article>\n<\/div>\n<div class=\"small-12 large-4 columns\">\n\t<article itemscope itemtype=\"http:\/\/schema.org\/Article\" class=\"post blog-style7 alt post-23735 type-post status-publish format-standard has-post-thumbnail hentry category-federacio-de-mallorca category-municipis\" role=\"article\">\n\t\t<figure class=\"post-gallery\"><img loading=\"lazy\" decoding=\"async\" width=\"533\" height=\"400\" src=\"https:\/\/www.psib-psoe.org\/mallorca\/wp-content\/uploads\/catalina-cladera-visita-es-sindicat-felanitx-maig-2019.jpg\" class=\"attachment-notio-general-x2 size-notio-general-x2 wp-post-image\" alt=\"\" srcset=\"https:\/\/www.psib-psoe.org\/mallorca\/wp-content\/uploads\/catalina-cladera-visita-es-sindicat-felanitx-maig-2019.jpg 1000w, https:\/\/www.psib-psoe.org\/mallorca\/wp-content\/uploads\/catalina-cladera-visita-es-sindicat-felanitx-maig-2019-300x225.jpg 300w, https:\/\/www.psib-psoe.org\/mallorca\/wp-content\/uploads\/catalina-cladera-visita-es-sindicat-felanitx-maig-2019-768x576.jpg 768w, https:\/\/www.psib-psoe.org\/mallorca\/wp-content\/uploads\/catalina-cladera-visita-es-sindicat-felanitx-maig-2019-900x675.jpg 900w\" sizes=\"(max-width: 533px) 100vw, 533px\" \/><\/figure>\n\t\t<div class=\"blog-top\">\n\t\t\t<header class=\"post-title entry-header\">\n\t\t\t\t<aside class=\"post-meta cf\">\n\t\t24\/05\/2019 \/ <a href=\"https:\/\/www.psib-psoe.org\/mallorca\/category\/federacio-de-mallorca\/\" rel=\"category tag\">Federaci\u00f3 de Mallorca<\/a>, <a href=\"https:\/\/www.psib-psoe.org\/mallorca\/category\/municipis\/\" rel=\"category tag\">Municipis<\/a><\/aside>\n\t\t\t\t<h3 itemprop=\"headline\"><a href=\"https:\/\/www.psib-psoe.org\/mallorca\/cladera-es-compromet-a-convertir-es-sindicat-de-felanitx-en-un-centre-internacional-darts-plastiques\/\" title=\"Cladera es compromet a convertir Es Sindicat de Felanitx en un centre internacional d\u2019Arts Pl\u00e0stiques\">Cladera es compromet a convertir Es Sindicat de Felanitx en un centre internacional d\u2019Arts Pl\u00e0stiques<\/a><\/h3>\n\t\t\t<\/header>\n\t\t<\/div>\n\t\t<div class=\"post-content\">\n\t\t\t<a href=\"https:\/\/www.psib-psoe.org\/mallorca\/cladera-es-compromet-a-convertir-es-sindicat-de-felanitx-en-un-centre-internacional-darts-plastiques\/\" class=\"more-link\">Read More<\/a>\n\t\t<\/div>\n\t\t\t<aside class=\"post-bottom-meta hide\">\n\t\t<strong rel=\"author\" itemprop=\"author\" class=\"author vcard\"><span class=\"fn\">adminpsib<\/span><\/strong>\n\t\t<time class=\"date published time\" datetime=\"2019-05-24T16:49:27+02:00\" itemprop=\"datePublished\" content=\"2019-05-24T16:49:27+02:00\">24\/05\/2019<\/time>\n\t\t<meta itemprop=\"dateModified\" class=\"date updated\" content=\"2020-01-08T14:43:33+02:00\">\n\t\t<span class=\"hide\" itemprop=\"publisher\" itemscope itemtype=\"https:\/\/schema.org\/Organization\">\n\t\t\t<meta itemprop=\"name\" content=\"SocialistesdMca\">\n\t\t\t<span itemprop=\"logo\" itemscope itemtype=\"https:\/\/schema.org\/ImageObject\">\n\t\t\t\t<meta itemprop=\"url\" content=\"https:\/\/www.psib-psoe.org\/mallorca\/wp-content\/themes\/notio-wp\/assets\/img\/logo.png\">\n\t\t\t<\/span>\n\t\t\t<meta itemprop=\"url\" content=\"https:\/\/www.psib-psoe.org\/mallorca\/\">\n\t\t<\/span>\n\t\t\t\t<span class=\"hide\" itemprop=\"image\" itemscope itemtype=\"http:\/\/schema.org\/ImageObject\">\n\t\t\t<meta itemprop=\"url\" content=\"https:\/\/www.psib-psoe.org\/mallorca\/wp-content\/uploads\/catalina-cladera-visita-es-sindicat-felanitx-maig-2019.jpg\">\n\t\t\t<meta itemprop=\"width\" content=\"1000\">\n\t\t\t<meta itemprop=\"height\" content=\"750\">\n\t\t<\/span>\n\t\t\t\t<meta itemscope itemprop=\"mainEntityOfPage\" itemtype=\"https:\/\/schema.org\/WebPage\" itemid=\"https:\/\/www.psib-psoe.org\/mallorca\/cladera-es-compromet-a-convertir-es-sindicat-de-felanitx-en-un-centre-internacional-darts-plastiques\/\">\n\t<\/aside>\n\t\t<\/article>\n<\/div>\n<div class=\"small-12 large-4 columns\">\n\t<article itemscope itemtype=\"http:\/\/schema.org\/Article\" class=\"post blog-style7 alt post-25189 type-post status-publish format-standard has-post-thumbnail hentry category-federacio-de-mallorca tag-federacio-socialista-de-mallorca\" role=\"article\">\n\t\t<figure class=\"post-gallery\"><img loading=\"lazy\" decoding=\"async\" width=\"600\" height=\"400\" src=\"https:\/\/www.psib-psoe.org\/mallorca\/wp-content\/uploads\/FAS-Cati-i-Alicia-Homs-feminisme-maig-2019-1-600x400.jpg\" class=\"attachment-notio-general-x2 size-notio-general-x2 wp-post-image\" alt=\"\" srcset=\"https:\/\/www.psib-psoe.org\/mallorca\/wp-content\/uploads\/FAS-Cati-i-Alicia-Homs-feminisme-maig-2019-1-600x400.jpg 600w, https:\/\/www.psib-psoe.org\/mallorca\/wp-content\/uploads\/FAS-Cati-i-Alicia-Homs-feminisme-maig-2019-1-300x200.jpg 300w, https:\/\/www.psib-psoe.org\/mallorca\/wp-content\/uploads\/FAS-Cati-i-Alicia-Homs-feminisme-maig-2019-1-900x600.jpg 900w, https:\/\/www.psib-psoe.org\/mallorca\/wp-content\/uploads\/FAS-Cati-i-Alicia-Homs-feminisme-maig-2019-1-20x13.jpg 20w\" sizes=\"(max-width: 600px) 100vw, 600px\" \/><\/figure>\n\t\t<div class=\"blog-top\">\n\t\t\t<header class=\"post-title entry-header\">\n\t\t\t\t<aside class=\"post-meta cf\">\n\t\t24\/05\/2019 \/ <a href=\"https:\/\/www.psib-psoe.org\/mallorca\/category\/federacio-de-mallorca\/\" rel=\"category tag\">Federaci\u00f3 de Mallorca<\/a><\/aside>\n\t\t\t\t<h3 itemprop=\"headline\"><a href=\"https:\/\/www.psib-psoe.org\/mallorca\/francina-armengol-demana-el-vot-decidit-de-les-dones-per-poder-seguir-avancant-en-la-igualtat-entre-homes-i-dones\/\" title=\"Francina Armengol demana el vot decidit de les dones \u201cper poder seguir avan\u00e7ant en la igualtat entre homes i dones\u201d\">Francina Armengol demana el vot decidit de les dones \u201cper poder seguir avan\u00e7ant en la igualtat entre homes i dones\u201d<\/a><\/h3>\n\t\t\t<\/header>\n\t\t<\/div>\n\t\t<div class=\"post-content\">\n\t\t\t<a href=\"https:\/\/www.psib-psoe.org\/mallorca\/francina-armengol-demana-el-vot-decidit-de-les-dones-per-poder-seguir-avancant-en-la-igualtat-entre-homes-i-dones\/\" class=\"more-link\">Read More<\/a>\n\t\t<\/div>\n\t\t\t<aside class=\"post-bottom-meta hide\">\n\t\t<strong rel=\"author\" itemprop=\"author\" class=\"author vcard\"><span class=\"fn\">adminpsib<\/span><\/strong>\n\t\t<time class=\"date published time\" datetime=\"2019-05-24T12:33:28+02:00\" itemprop=\"datePublished\" content=\"2019-05-24T12:33:28+02:00\">24\/05\/2019<\/time>\n\t\t<meta itemprop=\"dateModified\" class=\"date updated\" content=\"2019-05-24T12:33:28+02:00\">\n\t\t<span class=\"hide\" itemprop=\"publisher\" itemscope itemtype=\"https:\/\/schema.org\/Organization\">\n\t\t\t<meta itemprop=\"name\" content=\"SocialistesdMca\">\n\t\t\t<span itemprop=\"logo\" itemscope itemtype=\"https:\/\/schema.org\/ImageObject\">\n\t\t\t\t<meta itemprop=\"url\" content=\"https:\/\/www.psib-psoe.org\/mallorca\/wp-content\/themes\/notio-wp\/assets\/img\/logo.png\">\n\t\t\t<\/span>\n\t\t\t<meta itemprop=\"url\" content=\"https:\/\/www.psib-psoe.org\/mallorca\/\">\n\t\t<\/span>\n\t\t\t\t<span class=\"hide\" itemprop=\"image\" itemscope itemtype=\"http:\/\/schema.org\/ImageObject\">\n\t\t\t<meta itemprop=\"url\" content=\"https:\/\/www.psib-psoe.org\/mallorca\/wp-content\/uploads\/FAS-Cati-i-Alicia-Homs-feminisme-maig-2019-1.jpg\">\n\t\t\t<meta itemprop=\"width\" content=\"1000\">\n\t\t\t<meta itemprop=\"height\" content=\"750\">\n\t\t<\/span>\n\t\t\t\t<meta itemscope itemprop=\"mainEntityOfPage\" itemtype=\"https:\/\/schema.org\/WebPage\" itemid=\"https:\/\/www.psib-psoe.org\/mallorca\/francina-armengol-demana-el-vot-decidit-de-les-dones-per-poder-seguir-avancant-en-la-igualtat-entre-homes-i-dones\/\">\n\t<\/aside>\n\t\t<\/article>\n<\/div>\n<div class=\"small-12 large-4 columns\">\n\t<article itemscope itemtype=\"http:\/\/schema.org\/Article\" class=\"post blog-style7 alt post-23729 type-post status-publish format-standard has-post-thumbnail hentry category-federacio-de-mallorca category-municipis\" role=\"article\">\n\t\t<figure class=\"post-gallery\"><img loading=\"lazy\" decoding=\"async\" width=\"600\" height=\"365\" src=\"https:\/\/www.psib-psoe.org\/mallorca\/wp-content\/uploads\/catalina-cladera-acte-tancament-campanya-inca-maig-2019.jpg\" class=\"attachment-notio-general-x2 size-notio-general-x2 wp-post-image\" alt=\"\" srcset=\"https:\/\/www.psib-psoe.org\/mallorca\/wp-content\/uploads\/catalina-cladera-acte-tancament-campanya-inca-maig-2019.jpg 1000w, https:\/\/www.psib-psoe.org\/mallorca\/wp-content\/uploads\/catalina-cladera-acte-tancament-campanya-inca-maig-2019-300x182.jpg 300w, https:\/\/www.psib-psoe.org\/mallorca\/wp-content\/uploads\/catalina-cladera-acte-tancament-campanya-inca-maig-2019-768x467.jpg 768w, https:\/\/www.psib-psoe.org\/mallorca\/wp-content\/uploads\/catalina-cladera-acte-tancament-campanya-inca-maig-2019-900x547.jpg 900w\" sizes=\"(max-width: 600px) 100vw, 600px\" \/><\/figure>\n\t\t<div class=\"blog-top\">\n\t\t\t<header class=\"post-title entry-header\">\n\t\t\t\t<aside class=\"post-meta cf\">\n\t\t24\/05\/2019 \/ <a href=\"https:\/\/www.psib-psoe.org\/mallorca\/category\/federacio-de-mallorca\/\" rel=\"category tag\">Federaci\u00f3 de Mallorca<\/a>, <a href=\"https:\/\/www.psib-psoe.org\/mallorca\/category\/municipis\/\" rel=\"category tag\">Municipis<\/a><\/aside>\n\t\t\t\t<h3 itemprop=\"headline\"><a href=\"https:\/\/www.psib-psoe.org\/mallorca\/cladera-demana-el-vot-per-al-partit-socialista-perque-amb-institucions-alineades-farem-millors-politiques\/\" title=\"Cladera demana el vot per al Partit Socialista perqu\u00e8 \u201camb institucions alineades farem millors pol\u00edtiques\u201d\">Cladera demana el vot per al Partit Socialista perqu\u00e8 \u201camb institucions alineades farem millors pol\u00edtiques\u201d<\/a><\/h3>\n\t\t\t<\/header>\n\t\t<\/div>\n\t\t<div class=\"post-content\">\n\t\t\t<a href=\"https:\/\/www.psib-psoe.org\/mallorca\/cladera-demana-el-vot-per-al-partit-socialista-perque-amb-institucions-alineades-farem-millors-politiques\/\" class=\"more-link\">Read More<\/a>\n\t\t<\/div>\n\t\t\t<aside class=\"post-bottom-meta hide\">\n\t\t<strong rel=\"author\" itemprop=\"author\" class=\"author vcard\"><span class=\"fn\">adminpsib<\/span><\/strong>\n\t\t<time class=\"date published time\" datetime=\"2019-05-24T07:34:33+02:00\" itemprop=\"datePublished\" content=\"2019-05-24T07:34:33+02:00\">24\/05\/2019<\/time>\n\t\t<meta itemprop=\"dateModified\" class=\"date updated\" content=\"2020-01-08T14:43:58+02:00\">\n\t\t<span class=\"hide\" itemprop=\"publisher\" itemscope itemtype=\"https:\/\/schema.org\/Organization\">\n\t\t\t<meta itemprop=\"name\" content=\"SocialistesdMca\">\n\t\t\t<span itemprop=\"logo\" itemscope itemtype=\"https:\/\/schema.org\/ImageObject\">\n\t\t\t\t<meta itemprop=\"url\" content=\"https:\/\/www.psib-psoe.org\/mallorca\/wp-content\/themes\/notio-wp\/assets\/img\/logo.png\">\n\t\t\t<\/span>\n\t\t\t<meta itemprop=\"url\" content=\"https:\/\/www.psib-psoe.org\/mallorca\/\">\n\t\t<\/span>\n\t\t\t\t<span class=\"hide\" itemprop=\"image\" itemscope itemtype=\"http:\/\/schema.org\/ImageObject\">\n\t\t\t<meta itemprop=\"url\" content=\"https:\/\/www.psib-psoe.org\/mallorca\/wp-content\/uploads\/catalina-cladera-acte-tancament-campanya-inca-maig-2019.jpg\">\n\t\t\t<meta itemprop=\"width\" content=\"1000\">\n\t\t\t<meta itemprop=\"height\" content=\"608\">\n\t\t<\/span>\n\t\t\t\t<meta itemscope itemprop=\"mainEntityOfPage\" itemtype=\"https:\/\/schema.org\/WebPage\" itemid=\"https:\/\/www.psib-psoe.org\/mallorca\/cladera-demana-el-vot-per-al-partit-socialista-perque-amb-institucions-alineades-farem-millors-politiques\/\">\n\t<\/aside>\n\t\t<\/article>\n<\/div>\n<div class=\"small-12 large-4 columns\">\n\t<article itemscope itemtype=\"http:\/\/schema.org\/Article\" class=\"post blog-style7 alt post-23723 type-post status-publish format-standard has-post-thumbnail hentry category-federacio-de-mallorca category-municipis\" role=\"article\">\n\t\t<figure class=\"post-gallery\"><img loading=\"lazy\" decoding=\"async\" width=\"533\" height=\"400\" src=\"https:\/\/www.psib-psoe.org\/mallorca\/wp-content\/uploads\/190523_jovesWEB.jpg\" class=\"attachment-notio-general-x2 size-notio-general-x2 wp-post-image\" alt=\"\" srcset=\"https:\/\/www.psib-psoe.org\/mallorca\/wp-content\/uploads\/190523_jovesWEB.jpg 1000w, https:\/\/www.psib-psoe.org\/mallorca\/wp-content\/uploads\/190523_jovesWEB-300x225.jpg 300w, https:\/\/www.psib-psoe.org\/mallorca\/wp-content\/uploads\/190523_jovesWEB-768x576.jpg 768w, https:\/\/www.psib-psoe.org\/mallorca\/wp-content\/uploads\/190523_jovesWEB-900x675.jpg 900w\" sizes=\"(max-width: 533px) 100vw, 533px\" \/><\/figure>\n\t\t<div class=\"blog-top\">\n\t\t\t<header class=\"post-title entry-header\">\n\t\t\t\t<aside class=\"post-meta cf\">\n\t\t23\/05\/2019 \/ <a href=\"https:\/\/www.psib-psoe.org\/mallorca\/category\/federacio-de-mallorca\/\" rel=\"category tag\">Federaci\u00f3 de Mallorca<\/a>, <a href=\"https:\/\/www.psib-psoe.org\/mallorca\/category\/municipis\/\" rel=\"category tag\">Municipis<\/a><\/aside>\n\t\t\t\t<h3 itemprop=\"headline\"><a href=\"https:\/\/www.psib-psoe.org\/mallorca\/cladera-els-joves-son-un-eix-transversal-de-les-politiques-socialistes-perque-pensar-en-ells-es-pensar-en-el-futur\/\" title=\"Cladera: \u201cEls joves s\u00f3n un eix transversal de les pol\u00edtiques socialistes, perqu\u00e8 pensar en ells \u00e9s pensar en el futur\u201d\">Cladera: \u201cEls joves s\u00f3n un eix transversal de les pol\u00edtiques socialistes, perqu\u00e8 pensar en ells \u00e9s pensar en el futur\u201d<\/a><\/h3>\n\t\t\t<\/header>\n\t\t<\/div>\n\t\t<div class=\"post-content\">\n\t\t\t<a href=\"https:\/\/www.psib-psoe.org\/mallorca\/cladera-els-joves-son-un-eix-transversal-de-les-politiques-socialistes-perque-pensar-en-ells-es-pensar-en-el-futur\/\" class=\"more-link\">Read More<\/a>\n\t\t<\/div>\n\t\t\t<aside class=\"post-bottom-meta hide\">\n\t\t<strong rel=\"author\" itemprop=\"author\" class=\"author vcard\"><span class=\"fn\">adminpsib<\/span><\/strong>\n\t\t<time class=\"date published time\" datetime=\"2019-05-23T18:03:01+02:00\" itemprop=\"datePublished\" content=\"2019-05-23T18:03:01+02:00\">23\/05\/2019<\/time>\n\t\t<meta itemprop=\"dateModified\" class=\"date updated\" content=\"2020-01-08T14:44:31+02:00\">\n\t\t<span class=\"hide\" itemprop=\"publisher\" itemscope itemtype=\"https:\/\/schema.org\/Organization\">\n\t\t\t<meta itemprop=\"name\" content=\"SocialistesdMca\">\n\t\t\t<span itemprop=\"logo\" itemscope itemtype=\"https:\/\/schema.org\/ImageObject\">\n\t\t\t\t<meta itemprop=\"url\" content=\"https:\/\/www.psib-psoe.org\/mallorca\/wp-content\/themes\/notio-wp\/assets\/img\/logo.png\">\n\t\t\t<\/span>\n\t\t\t<meta itemprop=\"url\" content=\"https:\/\/www.psib-psoe.org\/mallorca\/\">\n\t\t<\/span>\n\t\t\t\t<span class=\"hide\" itemprop=\"image\" itemscope itemtype=\"http:\/\/schema.org\/ImageObject\">\n\t\t\t<meta itemprop=\"url\" content=\"https:\/\/www.psib-psoe.org\/mallorca\/wp-content\/uploads\/190523_jovesWEB.jpg\">\n\t\t\t<meta itemprop=\"width\" content=\"1000\">\n\t\t\t<meta itemprop=\"height\" content=\"750\">\n\t\t<\/span>\n\t\t\t\t<meta itemscope itemprop=\"mainEntityOfPage\" itemtype=\"https:\/\/schema.org\/WebPage\" itemid=\"https:\/\/www.psib-psoe.org\/mallorca\/cladera-els-joves-son-un-eix-transversal-de-les-politiques-socialistes-perque-pensar-en-ells-es-pensar-en-el-futur\/\">\n\t<\/aside>\n\t\t<\/article>\n<\/div>\n<div class=\"small-12 large-4 columns\">\n\t<article itemscope itemtype=\"http:\/\/schema.org\/Article\" class=\"post blog-style7 alt post-25192 type-post status-publish format-standard has-post-thumbnail hentry category-federacio-de-mallorca tag-federacio-socialista-de-mallorca\" role=\"article\">\n\t\t<figure class=\"post-gallery\"><img loading=\"lazy\" decoding=\"async\" width=\"600\" height=\"400\" src=\"https:\/\/www.psib-psoe.org\/mallorca\/wp-content\/uploads\/francina-armengol-pedro-sanchez-catalina-cladera-acte-central-de-campanya-eleccions-maig-2019-1-600x400.jpg\" class=\"attachment-notio-general-x2 size-notio-general-x2 wp-post-image\" alt=\"\" srcset=\"https:\/\/www.psib-psoe.org\/mallorca\/wp-content\/uploads\/francina-armengol-pedro-sanchez-catalina-cladera-acte-central-de-campanya-eleccions-maig-2019-1-600x400.jpg 600w, https:\/\/www.psib-psoe.org\/mallorca\/wp-content\/uploads\/francina-armengol-pedro-sanchez-catalina-cladera-acte-central-de-campanya-eleccions-maig-2019-1-300x200.jpg 300w, https:\/\/www.psib-psoe.org\/mallorca\/wp-content\/uploads\/francina-armengol-pedro-sanchez-catalina-cladera-acte-central-de-campanya-eleccions-maig-2019-1-20x13.jpg 20w, https:\/\/www.psib-psoe.org\/mallorca\/wp-content\/uploads\/francina-armengol-pedro-sanchez-catalina-cladera-acte-central-de-campanya-eleccions-maig-2019-1-900x600.jpg 900w\" sizes=\"(max-width: 600px) 100vw, 600px\" \/><\/figure>\n\t\t<div class=\"blog-top\">\n\t\t\t<header class=\"post-title entry-header\">\n\t\t\t\t<aside class=\"post-meta cf\">\n\t\t23\/05\/2019 \/ <a href=\"https:\/\/www.psib-psoe.org\/mallorca\/category\/federacio-de-mallorca\/\" rel=\"category tag\">Federaci\u00f3 de Mallorca<\/a><\/aside>\n\t\t\t\t<h3 itemprop=\"headline\"><a href=\"https:\/\/www.psib-psoe.org\/mallorca\/sanchez-demana-que-el-26-maig-es-voti-per-a-les-illes-balears-avanc-futur-convivencia-i-justicia-com-ja-es-va-fer-el-28-dabril\/\" title=\"S\u00e1nchez demana que el 26 maig \u201ces voti per a les Illes Balears avan\u00e7, futur, conviv\u00e8ncia i just\u00edcia\u201d com ja es va fer el 28 d\u2019abril\">S\u00e1nchez demana que el 26 maig \u201ces voti per a les Illes Balears avan\u00e7, futur, conviv\u00e8ncia i just\u00edcia\u201d com ja es va fer el 28 d\u2019abril<\/a><\/h3>\n\t\t\t<\/header>\n\t\t<\/div>\n\t\t<div class=\"post-content\">\n\t\t\t<a href=\"https:\/\/www.psib-psoe.org\/mallorca\/sanchez-demana-que-el-26-maig-es-voti-per-a-les-illes-balears-avanc-futur-convivencia-i-justicia-com-ja-es-va-fer-el-28-dabril\/\" class=\"more-link\">Read More<\/a>\n\t\t<\/div>\n\t\t\t<aside class=\"post-bottom-meta hide\">\n\t\t<strong rel=\"author\" itemprop=\"author\" class=\"author vcard\"><span class=\"fn\">adminpsib<\/span><\/strong>\n\t\t<time class=\"date published time\" datetime=\"2019-05-23T15:52:29+02:00\" itemprop=\"datePublished\" content=\"2019-05-23T15:52:29+02:00\">23\/05\/2019<\/time>\n\t\t<meta itemprop=\"dateModified\" class=\"date updated\" content=\"2019-05-23T15:52:29+02:00\">\n\t\t<span class=\"hide\" itemprop=\"publisher\" itemscope itemtype=\"https:\/\/schema.org\/Organization\">\n\t\t\t<meta itemprop=\"name\" content=\"SocialistesdMca\">\n\t\t\t<span itemprop=\"logo\" itemscope itemtype=\"https:\/\/schema.org\/ImageObject\">\n\t\t\t\t<meta itemprop=\"url\" content=\"https:\/\/www.psib-psoe.org\/mallorca\/wp-content\/themes\/notio-wp\/assets\/img\/logo.png\">\n\t\t\t<\/span>\n\t\t\t<meta itemprop=\"url\" content=\"https:\/\/www.psib-psoe.org\/mallorca\/\">\n\t\t<\/span>\n\t\t\t\t<span class=\"hide\" itemprop=\"image\" itemscope itemtype=\"http:\/\/schema.org\/ImageObject\">\n\t\t\t<meta itemprop=\"url\" content=\"https:\/\/www.psib-psoe.org\/mallorca\/wp-content\/uploads\/francina-armengol-pedro-sanchez-catalina-cladera-acte-central-de-campanya-eleccions-maig-2019-1.jpg\">\n\t\t\t<meta itemprop=\"width\" content=\"1000\">\n\t\t\t<meta itemprop=\"height\" content=\"639\">\n\t\t<\/span>\n\t\t\t\t<meta itemscope itemprop=\"mainEntityOfPage\" itemtype=\"https:\/\/schema.org\/WebPage\" itemid=\"https:\/\/www.psib-psoe.org\/mallorca\/sanchez-demana-que-el-26-maig-es-voti-per-a-les-illes-balears-avanc-futur-convivencia-i-justicia-com-ja-es-va-fer-el-28-dabril\/\">\n\t<\/aside>\n\t\t<\/article>\n<\/div>\n<div class=\"small-12 large-4 columns\">\n\t<article itemscope itemtype=\"http:\/\/schema.org\/Article\" class=\"post blog-style7 alt post-23716 type-post status-publish format-standard has-post-thumbnail hentry category-federacio-de-mallorca category-municipis\" role=\"article\">\n\t\t<figure class=\"post-gallery\"><img loading=\"lazy\" decoding=\"async\" width=\"533\" height=\"400\" src=\"https:\/\/www.psib-psoe.org\/mallorca\/wp-content\/uploads\/190522_SaPoblaWEB.jpg\" class=\"attachment-notio-general-x2 size-notio-general-x2 wp-post-image\" alt=\"\" srcset=\"https:\/\/www.psib-psoe.org\/mallorca\/wp-content\/uploads\/190522_SaPoblaWEB.jpg 1000w, https:\/\/www.psib-psoe.org\/mallorca\/wp-content\/uploads\/190522_SaPoblaWEB-300x225.jpg 300w, https:\/\/www.psib-psoe.org\/mallorca\/wp-content\/uploads\/190522_SaPoblaWEB-768x576.jpg 768w, https:\/\/www.psib-psoe.org\/mallorca\/wp-content\/uploads\/190522_SaPoblaWEB-900x675.jpg 900w\" sizes=\"(max-width: 533px) 100vw, 533px\" \/><\/figure>\n\t\t<div class=\"blog-top\">\n\t\t\t<header class=\"post-title entry-header\">\n\t\t\t\t<aside class=\"post-meta cf\">\n\t\t23\/05\/2019 \/ <a href=\"https:\/\/www.psib-psoe.org\/mallorca\/category\/federacio-de-mallorca\/\" rel=\"category tag\">Federaci\u00f3 de Mallorca<\/a>, <a href=\"https:\/\/www.psib-psoe.org\/mallorca\/category\/municipis\/\" rel=\"category tag\">Municipis<\/a><\/aside>\n\t\t\t\t<h3 itemprop=\"headline\"><a href=\"https:\/\/www.psib-psoe.org\/mallorca\/el-psib-psoe-demana-el-vot-a-sa-pobla-per-poder-lluitar-pels-drets-de-la-gent-gran-i-garantir-que-tothom-pugui-ser-ates-on-ho-desitgi\/\" title=\"El PSIB-PSOE demana el vot a Sa Pobla \u201cper poder lluitar pels drets de la gent gran i garantir que tothom pugui ser at\u00e8s on ho desitgi\u201d\">El PSIB-PSOE demana el vot a Sa Pobla \u201cper poder lluitar pels drets de la gent gran i garantir que tothom pugui ser at\u00e8s on ho desitgi\u201d<\/a><\/h3>\n\t\t\t<\/header>\n\t\t<\/div>\n\t\t<div class=\"post-content\">\n\t\t\t<a href=\"https:\/\/www.psib-psoe.org\/mallorca\/el-psib-psoe-demana-el-vot-a-sa-pobla-per-poder-lluitar-pels-drets-de-la-gent-gran-i-garantir-que-tothom-pugui-ser-ates-on-ho-desitgi\/\" class=\"more-link\">Read More<\/a>\n\t\t<\/div>\n\t\t\t<aside class=\"post-bottom-meta hide\">\n\t\t<strong rel=\"author\" itemprop=\"author\" class=\"author vcard\"><span class=\"fn\">adminpsib<\/span><\/strong>\n\t\t<time class=\"date published time\" datetime=\"2019-05-23T09:53:38+02:00\" itemprop=\"datePublished\" content=\"2019-05-23T09:53:38+02:00\">23\/05\/2019<\/time>\n\t\t<meta itemprop=\"dateModified\" class=\"date updated\" content=\"2019-12-05T12:34:16+02:00\">\n\t\t<span class=\"hide\" itemprop=\"publisher\" itemscope itemtype=\"https:\/\/schema.org\/Organization\">\n\t\t\t<meta itemprop=\"name\" content=\"SocialistesdMca\">\n\t\t\t<span itemprop=\"logo\" itemscope itemtype=\"https:\/\/schema.org\/ImageObject\">\n\t\t\t\t<meta itemprop=\"url\" content=\"https:\/\/www.psib-psoe.org\/mallorca\/wp-content\/themes\/notio-wp\/assets\/img\/logo.png\">\n\t\t\t<\/span>\n\t\t\t<meta itemprop=\"url\" content=\"https:\/\/www.psib-psoe.org\/mallorca\/\">\n\t\t<\/span>\n\t\t\t\t<span class=\"hide\" itemprop=\"image\" itemscope itemtype=\"http:\/\/schema.org\/ImageObject\">\n\t\t\t<meta itemprop=\"url\" content=\"https:\/\/www.psib-psoe.org\/mallorca\/wp-content\/uploads\/190522_SaPoblaWEB.jpg\">\n\t\t\t<meta itemprop=\"width\" content=\"1000\">\n\t\t\t<meta itemprop=\"height\" content=\"750\">\n\t\t<\/span>\n\t\t\t\t<meta itemscope itemprop=\"mainEntityOfPage\" itemtype=\"https:\/\/schema.org\/WebPage\" itemid=\"https:\/\/www.psib-psoe.org\/mallorca\/el-psib-psoe-demana-el-vot-a-sa-pobla-per-poder-lluitar-pels-drets-de-la-gent-gran-i-garantir-que-tothom-pugui-ser-ates-on-ho-desitgi\/\">\n\t<\/aside>\n\t\t<\/article>\n<\/div>\n<div class=\"small-12 large-4 columns\">\n\t<article itemscope itemtype=\"http:\/\/schema.org\/Article\" class=\"post blog-style7 alt post-23713 type-post status-publish format-standard has-post-thumbnail hentry category-federacio-de-mallorca category-municipis\" role=\"article\">\n\t\t<figure class=\"post-gallery\"><img loading=\"lazy\" decoding=\"async\" width=\"569\" height=\"400\" src=\"https:\/\/www.psib-psoe.org\/mallorca\/wp-content\/uploads\/FAS-S\u00f3ller-maig-2019.jpg\" class=\"attachment-notio-general-x2 size-notio-general-x2 wp-post-image\" alt=\"\" srcset=\"https:\/\/www.psib-psoe.org\/mallorca\/wp-content\/uploads\/FAS-S\u00f3ller-maig-2019.jpg 1000w, https:\/\/www.psib-psoe.org\/mallorca\/wp-content\/uploads\/FAS-S\u00f3ller-maig-2019-300x211.jpg 300w, https:\/\/www.psib-psoe.org\/mallorca\/wp-content\/uploads\/FAS-S\u00f3ller-maig-2019-768x540.jpg 768w, https:\/\/www.psib-psoe.org\/mallorca\/wp-content\/uploads\/FAS-S\u00f3ller-maig-2019-900x633.jpg 900w, https:\/\/www.psib-psoe.org\/mallorca\/wp-content\/uploads\/FAS-S\u00f3ller-maig-2019-340x240.jpg 340w\" sizes=\"(max-width: 569px) 100vw, 569px\" \/><\/figure>\n\t\t<div class=\"blog-top\">\n\t\t\t<header class=\"post-title entry-header\">\n\t\t\t\t<aside class=\"post-meta cf\">\n\t\t23\/05\/2019 \/ <a href=\"https:\/\/www.psib-psoe.org\/mallorca\/category\/federacio-de-mallorca\/\" rel=\"category tag\">Federaci\u00f3 de Mallorca<\/a>, <a href=\"https:\/\/www.psib-psoe.org\/mallorca\/category\/municipis\/\" rel=\"category tag\">Municipis<\/a><\/aside>\n\t\t\t\t<h3 itemprop=\"headline\"><a href=\"https:\/\/www.psib-psoe.org\/mallorca\/francina-armengol-demana-el-vot-per-al-psib-psoe-perque-diumenge-ens-jugam-avancar-o-retrocedir-en-les-coses-que-ens-toquen-de-mes-a-prop\/\" title=\"Francina Armengol demana el vot per al PSIB-PSOE perqu\u00e8 \u201cdiumenge ens jugam avan\u00e7ar o retrocedir en les coses que ens toquen de m\u00e9s a prop\u201d\">Francina Armengol demana el vot per al PSIB-PSOE perqu\u00e8 \u201cdiumenge ens jugam avan\u00e7ar o retrocedir en les coses que ens toquen de m\u00e9s a prop\u201d<\/a><\/h3>\n\t\t\t<\/header>\n\t\t<\/div>\n\t\t<div class=\"post-content\">\n\t\t\t<a href=\"https:\/\/www.psib-psoe.org\/mallorca\/francina-armengol-demana-el-vot-per-al-psib-psoe-perque-diumenge-ens-jugam-avancar-o-retrocedir-en-les-coses-que-ens-toquen-de-mes-a-prop\/\" class=\"more-link\">Read More<\/a>\n\t\t<\/div>\n\t\t\t<aside class=\"post-bottom-meta hide\">\n\t\t<strong rel=\"author\" itemprop=\"author\" class=\"author vcard\"><span class=\"fn\">adminpsib<\/span><\/strong>\n\t\t<time class=\"date published time\" datetime=\"2019-05-23T08:40:42+02:00\" itemprop=\"datePublished\" content=\"2019-05-23T08:40:42+02:00\">23\/05\/2019<\/time>\n\t\t<meta itemprop=\"dateModified\" class=\"date updated\" content=\"2019-12-05T12:35:57+02:00\">\n\t\t<span class=\"hide\" itemprop=\"publisher\" itemscope itemtype=\"https:\/\/schema.org\/Organization\">\n\t\t\t<meta itemprop=\"name\" content=\"SocialistesdMca\">\n\t\t\t<span itemprop=\"logo\" itemscope itemtype=\"https:\/\/schema.org\/ImageObject\">\n\t\t\t\t<meta itemprop=\"url\" content=\"https:\/\/www.psib-psoe.org\/mallorca\/wp-content\/themes\/notio-wp\/assets\/img\/logo.png\">\n\t\t\t<\/span>\n\t\t\t<meta itemprop=\"url\" content=\"https:\/\/www.psib-psoe.org\/mallorca\/\">\n\t\t<\/span>\n\t\t\t\t<span class=\"hide\" itemprop=\"image\" itemscope itemtype=\"http:\/\/schema.org\/ImageObject\">\n\t\t\t<meta itemprop=\"url\" content=\"https:\/\/www.psib-psoe.org\/mallorca\/wp-content\/uploads\/FAS-S\u00f3ller-maig-2019.jpg\">\n\t\t\t<meta itemprop=\"width\" content=\"1000\">\n\t\t\t<meta itemprop=\"height\" content=\"703\">\n\t\t<\/span>\n\t\t\t\t<meta itemscope itemprop=\"mainEntityOfPage\" itemtype=\"https:\/\/schema.org\/WebPage\" itemid=\"https:\/\/www.psib-psoe.org\/mallorca\/francina-armengol-demana-el-vot-per-al-psib-psoe-perque-diumenge-ens-jugam-avancar-o-retrocedir-en-les-coses-que-ens-toquen-de-mes-a-prop\/\">\n\t<\/aside>\n\t\t<\/article>\n<\/div>\n<div class=\"small-12 large-4 columns\">\n\t<article itemscope itemtype=\"http:\/\/schema.org\/Article\" class=\"post blog-style7 alt post-25195 type-post status-publish format-standard has-post-thumbnail hentry category-federacio-de-mallorca tag-federacio-socialista-de-mallorca\" role=\"article\">\n\t\t<figure class=\"post-gallery\"><img loading=\"lazy\" decoding=\"async\" width=\"600\" height=\"400\" src=\"https:\/\/www.psib-psoe.org\/mallorca\/wp-content\/uploads\/190521_senat-1-600x400.jpg\" class=\"attachment-notio-general-x2 size-notio-general-x2 wp-post-image\" alt=\"\" srcset=\"https:\/\/www.psib-psoe.org\/mallorca\/wp-content\/uploads\/190521_senat-1-600x400.jpg 600w, https:\/\/www.psib-psoe.org\/mallorca\/wp-content\/uploads\/190521_senat-1-300x200.jpg 300w, https:\/\/www.psib-psoe.org\/mallorca\/wp-content\/uploads\/190521_senat-1-900x600.jpg 900w, https:\/\/www.psib-psoe.org\/mallorca\/wp-content\/uploads\/190521_senat-1-20x13.jpg 20w\" sizes=\"(max-width: 600px) 100vw, 600px\" \/><\/figure>\n\t\t<div class=\"blog-top\">\n\t\t\t<header class=\"post-title entry-header\">\n\t\t\t\t<aside class=\"post-meta cf\">\n\t\t21\/05\/2019 \/ <a href=\"https:\/\/www.psib-psoe.org\/mallorca\/category\/federacio-de-mallorca\/\" rel=\"category tag\">Federaci\u00f3 de Mallorca<\/a><\/aside>\n\t\t\t\t<h3 itemprop=\"headline\"><a href=\"https:\/\/www.psib-psoe.org\/mallorca\/senadores-del-psoe-por-illes-balears-adquieren-su-condicion-plena-de-senadores\/\" title=\"Senadores del PSOE por Illes Balears adquieren su condici\u00f3n plena de senadores\">Senadores del PSOE por Illes Balears adquieren su condici\u00f3n plena de senadores<\/a><\/h3>\n\t\t\t<\/header>\n\t\t<\/div>\n\t\t<div class=\"post-content\">\n\t\t\t<a href=\"https:\/\/www.psib-psoe.org\/mallorca\/senadores-del-psoe-por-illes-balears-adquieren-su-condicion-plena-de-senadores\/\" class=\"more-link\">Read More<\/a>\n\t\t<\/div>\n\t\t\t<aside class=\"post-bottom-meta hide\">\n\t\t<strong rel=\"author\" itemprop=\"author\" class=\"author vcard\"><span class=\"fn\">adminpsib<\/span><\/strong>\n\t\t<time class=\"date published time\" datetime=\"2019-05-21T16:23:44+02:00\" itemprop=\"datePublished\" content=\"2019-05-21T16:23:44+02:00\">21\/05\/2019<\/time>\n\t\t<meta itemprop=\"dateModified\" class=\"date updated\" content=\"2019-05-21T16:23:44+02:00\">\n\t\t<span class=\"hide\" itemprop=\"publisher\" itemscope itemtype=\"https:\/\/schema.org\/Organization\">\n\t\t\t<meta itemprop=\"name\" content=\"SocialistesdMca\">\n\t\t\t<span itemprop=\"logo\" itemscope itemtype=\"https:\/\/schema.org\/ImageObject\">\n\t\t\t\t<meta itemprop=\"url\" content=\"https:\/\/www.psib-psoe.org\/mallorca\/wp-content\/themes\/notio-wp\/assets\/img\/logo.png\">\n\t\t\t<\/span>\n\t\t\t<meta itemprop=\"url\" content=\"https:\/\/www.psib-psoe.org\/mallorca\/\">\n\t\t<\/span>\n\t\t\t\t<span class=\"hide\" itemprop=\"image\" itemscope itemtype=\"http:\/\/schema.org\/ImageObject\">\n\t\t\t<meta itemprop=\"url\" content=\"https:\/\/www.psib-psoe.org\/mallorca\/wp-content\/uploads\/190521_senat-1.jpg\">\n\t\t\t<meta itemprop=\"width\" content=\"1000\">\n\t\t\t<meta itemprop=\"height\" content=\"750\">\n\t\t<\/span>\n\t\t\t\t<meta itemscope itemprop=\"mainEntityOfPage\" itemtype=\"https:\/\/schema.org\/WebPage\" itemid=\"https:\/\/www.psib-psoe.org\/mallorca\/senadores-del-psoe-por-illes-balears-adquieren-su-condicion-plena-de-senadores\/\">\n\t<\/aside>\n\t\t<\/article>\n<\/div>\n<div class=\"small-12 large-4 columns\">\n\t<article itemscope itemtype=\"http:\/\/schema.org\/Article\" class=\"post blog-style7 alt post-25198 type-post status-publish format-standard has-post-thumbnail hentry category-federacio-de-mallorca tag-federacio-socialista-de-mallorca\" role=\"article\">\n\t\t<figure class=\"post-gallery\"><img loading=\"lazy\" decoding=\"async\" width=\"600\" height=\"400\" src=\"https:\/\/www.psib-psoe.org\/mallorca\/wp-content\/uploads\/dialeg-francina-armengol-ximo-puig-eleccions-2019-1-1-600x400.jpg\" class=\"attachment-notio-general-x2 size-notio-general-x2 wp-post-image\" alt=\"\" srcset=\"https:\/\/www.psib-psoe.org\/mallorca\/wp-content\/uploads\/dialeg-francina-armengol-ximo-puig-eleccions-2019-1-1-600x400.jpg 600w, https:\/\/www.psib-psoe.org\/mallorca\/wp-content\/uploads\/dialeg-francina-armengol-ximo-puig-eleccions-2019-1-1-300x200.jpg 300w, https:\/\/www.psib-psoe.org\/mallorca\/wp-content\/uploads\/dialeg-francina-armengol-ximo-puig-eleccions-2019-1-1-20x13.jpg 20w\" sizes=\"(max-width: 600px) 100vw, 600px\" \/><\/figure>\n\t\t<div class=\"blog-top\">\n\t\t\t<header class=\"post-title entry-header\">\n\t\t\t\t<aside class=\"post-meta cf\">\n\t\t21\/05\/2019 \/ <a href=\"https:\/\/www.psib-psoe.org\/mallorca\/category\/federacio-de-mallorca\/\" rel=\"category tag\">Federaci\u00f3 de Mallorca<\/a><\/aside>\n\t\t\t\t<h3 itemprop=\"headline\"><a href=\"https:\/\/www.psib-psoe.org\/mallorca\/ximo-puig-armengol-ha-fet-una-gran-feina-recuperant-drets-revertint-retallades-i-apuntalant-el-creixement-economic\/\" title=\"Ximo Puig: \u201cArmengol ha fet una gran feina recuperant drets, revertint retallades i apuntalant el creixement econ\u00f2mic\u201d\">Ximo Puig: \u201cArmengol ha fet una gran feina recuperant drets, revertint retallades i apuntalant el creixement econ\u00f2mic\u201d<\/a><\/h3>\n\t\t\t<\/header>\n\t\t<\/div>\n\t\t<div class=\"post-content\">\n\t\t\t<a href=\"https:\/\/www.psib-psoe.org\/mallorca\/ximo-puig-armengol-ha-fet-una-gran-feina-recuperant-drets-revertint-retallades-i-apuntalant-el-creixement-economic\/\" class=\"more-link\">Read More<\/a>\n\t\t<\/div>\n\t\t\t<aside class=\"post-bottom-meta hide\">\n\t\t<strong rel=\"author\" itemprop=\"author\" class=\"author vcard\"><span class=\"fn\">adminpsib<\/span><\/strong>\n\t\t<time class=\"date published time\" datetime=\"2019-05-21T13:59:47+02:00\" itemprop=\"datePublished\" content=\"2019-05-21T13:59:47+02:00\">21\/05\/2019<\/time>\n\t\t<meta itemprop=\"dateModified\" class=\"date updated\" content=\"2019-05-21T13:59:47+02:00\">\n\t\t<span class=\"hide\" itemprop=\"publisher\" itemscope itemtype=\"https:\/\/schema.org\/Organization\">\n\t\t\t<meta itemprop=\"name\" content=\"SocialistesdMca\">\n\t\t\t<span itemprop=\"logo\" itemscope itemtype=\"https:\/\/schema.org\/ImageObject\">\n\t\t\t\t<meta itemprop=\"url\" content=\"https:\/\/www.psib-psoe.org\/mallorca\/wp-content\/themes\/notio-wp\/assets\/img\/logo.png\">\n\t\t\t<\/span>\n\t\t\t<meta itemprop=\"url\" content=\"https:\/\/www.psib-psoe.org\/mallorca\/\">\n\t\t<\/span>\n\t\t\t\t<span class=\"hide\" itemprop=\"image\" itemscope itemtype=\"http:\/\/schema.org\/ImageObject\">\n\t\t\t<meta itemprop=\"url\" content=\"https:\/\/www.psib-psoe.org\/mallorca\/wp-content\/uploads\/dialeg-francina-armengol-ximo-puig-eleccions-2019-1-1.jpg\">\n\t\t\t<meta itemprop=\"width\" content=\"989\">\n\t\t\t<meta itemprop=\"height\" content=\"574\">\n\t\t<\/span>\n\t\t\t\t<meta itemscope itemprop=\"mainEntityOfPage\" itemtype=\"https:\/\/schema.org\/WebPage\" itemid=\"https:\/\/www.psib-psoe.org\/mallorca\/ximo-puig-armengol-ha-fet-una-gran-feina-recuperant-drets-revertint-retallades-i-apuntalant-el-creixement-economic\/\">\n\t<\/aside>\n\t\t<\/article>\n<\/div>\n<div class=\"small-12 large-4 columns\">\n\t<article itemscope itemtype=\"http:\/\/schema.org\/Article\" class=\"post blog-style7 alt post-23685 type-post status-publish format-standard has-post-thumbnail hentry category-federacio-de-mallorca category-municipis\" role=\"article\">\n\t\t<figure class=\"post-gallery\"><img loading=\"lazy\" decoding=\"async\" width=\"533\" height=\"400\" src=\"https:\/\/www.psib-psoe.org\/mallorca\/wp-content\/uploads\/IMG_4466.jpg\" class=\"attachment-notio-general-x2 size-notio-general-x2 wp-post-image\" alt=\"\" srcset=\"https:\/\/www.psib-psoe.org\/mallorca\/wp-content\/uploads\/IMG_4466.jpg 4032w, https:\/\/www.psib-psoe.org\/mallorca\/wp-content\/uploads\/IMG_4466-300x225.jpg 300w, https:\/\/www.psib-psoe.org\/mallorca\/wp-content\/uploads\/IMG_4466-768x576.jpg 768w, https:\/\/www.psib-psoe.org\/mallorca\/wp-content\/uploads\/IMG_4466-1024x768.jpg 1024w, https:\/\/www.psib-psoe.org\/mallorca\/wp-content\/uploads\/IMG_4466-900x675.jpg 900w\" sizes=\"(max-width: 533px) 100vw, 533px\" \/><\/figure>\n\t\t<div class=\"blog-top\">\n\t\t\t<header class=\"post-title entry-header\">\n\t\t\t\t<aside class=\"post-meta cf\">\n\t\t21\/05\/2019 \/ <a href=\"https:\/\/www.psib-psoe.org\/mallorca\/category\/federacio-de-mallorca\/\" rel=\"category tag\">Federaci\u00f3 de Mallorca<\/a>, <a href=\"https:\/\/www.psib-psoe.org\/mallorca\/category\/municipis\/\" rel=\"category tag\">Municipis<\/a><\/aside>\n\t\t\t\t<h3 itemprop=\"headline\"><a href=\"https:\/\/www.psib-psoe.org\/mallorca\/francina-armengol-demana-el-vot-davant-mes-de-300-persones-a-sant-llorenc-perque-som-lunic-partit-que-te-un-projecte-clar-per-a-balears\/\" title=\"Francina Armengol demana el vot davant m\u00e9s de 300 persones a Sant Lloren\u00e7 perqu\u00e8 \u201csom l\u2019\u00fanic partit que t\u00e9 un projecte clar per a Balears\u201d\">Francina Armengol demana el vot davant m\u00e9s de 300 persones a Sant Lloren\u00e7 perqu\u00e8 \u201csom l\u2019\u00fanic partit que t\u00e9 un projecte clar per a Balears\u201d<\/a><\/h3>\n\t\t\t<\/header>\n\t\t<\/div>\n\t\t<div class=\"post-content\">\n\t\t\t<a href=\"https:\/\/www.psib-psoe.org\/mallorca\/francina-armengol-demana-el-vot-davant-mes-de-300-persones-a-sant-llorenc-perque-som-lunic-partit-que-te-un-projecte-clar-per-a-balears\/\" class=\"more-link\">Read More<\/a>\n\t\t<\/div>\n\t\t\t<aside class=\"post-bottom-meta hide\">\n\t\t<strong rel=\"author\" itemprop=\"author\" class=\"author vcard\"><span class=\"fn\">adminpsib<\/span><\/strong>\n\t\t<time class=\"date published time\" datetime=\"2019-05-21T13:56:33+02:00\" itemprop=\"datePublished\" content=\"2019-05-21T13:56:33+02:00\">21\/05\/2019<\/time>\n\t\t<meta itemprop=\"dateModified\" class=\"date updated\" content=\"2019-12-05T12:35:07+02:00\">\n\t\t<span class=\"hide\" itemprop=\"publisher\" itemscope itemtype=\"https:\/\/schema.org\/Organization\">\n\t\t\t<meta itemprop=\"name\" content=\"SocialistesdMca\">\n\t\t\t<span itemprop=\"logo\" itemscope itemtype=\"https:\/\/schema.org\/ImageObject\">\n\t\t\t\t<meta itemprop=\"url\" content=\"https:\/\/www.psib-psoe.org\/mallorca\/wp-content\/themes\/notio-wp\/assets\/img\/logo.png\">\n\t\t\t<\/span>\n\t\t\t<meta itemprop=\"url\" content=\"https:\/\/www.psib-psoe.org\/mallorca\/\">\n\t\t<\/span>\n\t\t\t\t<span class=\"hide\" itemprop=\"image\" itemscope itemtype=\"http:\/\/schema.org\/ImageObject\">\n\t\t\t<meta itemprop=\"url\" content=\"https:\/\/www.psib-psoe.org\/mallorca\/wp-content\/uploads\/IMG_4466.jpg\">\n\t\t\t<meta itemprop=\"width\" content=\"4032\">\n\t\t\t<meta itemprop=\"height\" content=\"3024\">\n\t\t<\/span>\n\t\t\t\t<meta itemscope itemprop=\"mainEntityOfPage\" itemtype=\"https:\/\/schema.org\/WebPage\" itemid=\"https:\/\/www.psib-psoe.org\/mallorca\/francina-armengol-demana-el-vot-davant-mes-de-300-persones-a-sant-llorenc-perque-som-lunic-partit-que-te-un-projecte-clar-per-a-balears\/\">\n\t<\/aside>\n\t\t<\/article>\n<\/div>\n<div class=\"small-12 large-4 columns\">\n\t<article itemscope itemtype=\"http:\/\/schema.org\/Article\" class=\"post blog-style7 alt post-23688 type-post status-publish format-standard has-post-thumbnail hentry category-federacio-de-mallorca category-municipis\" role=\"article\">\n\t\t<figure class=\"post-gallery\"><img loading=\"lazy\" decoding=\"async\" width=\"533\" height=\"400\" src=\"https:\/\/www.psib-psoe.org\/mallorca\/wp-content\/uploads\/190520_SelvaWEB.jpg\" class=\"attachment-notio-general-x2 size-notio-general-x2 wp-post-image\" alt=\"\" srcset=\"https:\/\/www.psib-psoe.org\/mallorca\/wp-content\/uploads\/190520_SelvaWEB.jpg 1000w, https:\/\/www.psib-psoe.org\/mallorca\/wp-content\/uploads\/190520_SelvaWEB-300x225.jpg 300w, https:\/\/www.psib-psoe.org\/mallorca\/wp-content\/uploads\/190520_SelvaWEB-768x576.jpg 768w, https:\/\/www.psib-psoe.org\/mallorca\/wp-content\/uploads\/190520_SelvaWEB-900x675.jpg 900w\" sizes=\"(max-width: 533px) 100vw, 533px\" \/><\/figure>\n\t\t<div class=\"blog-top\">\n\t\t\t<header class=\"post-title entry-header\">\n\t\t\t\t<aside class=\"post-meta cf\">\n\t\t20\/05\/2019 \/ <a href=\"https:\/\/www.psib-psoe.org\/mallorca\/category\/federacio-de-mallorca\/\" rel=\"category tag\">Federaci\u00f3 de Mallorca<\/a>, <a href=\"https:\/\/www.psib-psoe.org\/mallorca\/category\/municipis\/\" rel=\"category tag\">Municipis<\/a><\/aside>\n\t\t\t\t<h3 itemprop=\"headline\"><a href=\"https:\/\/www.psib-psoe.org\/mallorca\/cladera-diumenge-esta-en-joc-el-model-de-societat-i-de-futur-que-volem-a-mallorca-i-el-partit-socialista-es-lunica-garantia-de-progres\/\" title=\"Cladera: \u201cDiumenge est\u00e0 en joc el model de societat i de futur que volem a Mallorca i el Partit Socialista \u00e9s l\u2019\u00fanica garantia de progr\u00e9s\u201d\">Cladera: \u201cDiumenge est\u00e0 en joc el model de societat i de futur que volem a Mallorca i el Partit Socialista \u00e9s l\u2019\u00fanica garantia de progr\u00e9s\u201d<\/a><\/h3>\n\t\t\t<\/header>\n\t\t<\/div>\n\t\t<div class=\"post-content\">\n\t\t\t<a href=\"https:\/\/www.psib-psoe.org\/mallorca\/cladera-diumenge-esta-en-joc-el-model-de-societat-i-de-futur-que-volem-a-mallorca-i-el-partit-socialista-es-lunica-garantia-de-progres\/\" class=\"more-link\">Read More<\/a>\n\t\t<\/div>\n\t\t\t<aside class=\"post-bottom-meta hide\">\n\t\t<strong rel=\"author\" itemprop=\"author\" class=\"author vcard\"><span class=\"fn\">adminpsib<\/span><\/strong>\n\t\t<time class=\"date published time\" datetime=\"2019-05-20T20:00:06+02:00\" itemprop=\"datePublished\" content=\"2019-05-20T20:00:06+02:00\">20\/05\/2019<\/time>\n\t\t<meta itemprop=\"dateModified\" class=\"date updated\" content=\"2019-12-05T12:39:35+02:00\">\n\t\t<span class=\"hide\" itemprop=\"publisher\" itemscope itemtype=\"https:\/\/schema.org\/Organization\">\n\t\t\t<meta itemprop=\"name\" content=\"SocialistesdMca\">\n\t\t\t<span itemprop=\"logo\" itemscope itemtype=\"https:\/\/schema.org\/ImageObject\">\n\t\t\t\t<meta itemprop=\"url\" content=\"https:\/\/www.psib-psoe.org\/mallorca\/wp-content\/themes\/notio-wp\/assets\/img\/logo.png\">\n\t\t\t<\/span>\n\t\t\t<meta itemprop=\"url\" content=\"https:\/\/www.psib-psoe.org\/mallorca\/\">\n\t\t<\/span>\n\t\t\t\t<span class=\"hide\" itemprop=\"image\" itemscope itemtype=\"http:\/\/schema.org\/ImageObject\">\n\t\t\t<meta itemprop=\"url\" content=\"https:\/\/www.psib-psoe.org\/mallorca\/wp-content\/uploads\/190520_SelvaWEB.jpg\">\n\t\t\t<meta itemprop=\"width\" content=\"1000\">\n\t\t\t<meta itemprop=\"height\" content=\"750\">\n\t\t<\/span>\n\t\t\t\t<meta itemscope itemprop=\"mainEntityOfPage\" itemtype=\"https:\/\/schema.org\/WebPage\" itemid=\"https:\/\/www.psib-psoe.org\/mallorca\/cladera-diumenge-esta-en-joc-el-model-de-societat-i-de-futur-que-volem-a-mallorca-i-el-partit-socialista-es-lunica-garantia-de-progres\/\">\n\t<\/aside>\n\t\t<\/article>\n<\/div>\n<div class=\"small-12 large-4 columns\">\n\t<article itemscope itemtype=\"http:\/\/schema.org\/Article\" class=\"post blog-style7 alt post-23691 type-post status-publish format-standard has-post-thumbnail hentry category-federacio-de-mallorca category-municipis\" role=\"article\">\n\t\t<figure class=\"post-gallery\"><img loading=\"lazy\" decoding=\"async\" width=\"556\" height=\"400\" src=\"https:\/\/www.psib-psoe.org\/mallorca\/wp-content\/uploads\/Cladera-Hila-Homs-propostes-cultura-antiga-preso-palma-eleccions-2019.jpeg\" class=\"attachment-notio-general-x2 size-notio-general-x2 wp-post-image\" alt=\"\" srcset=\"https:\/\/www.psib-psoe.org\/mallorca\/wp-content\/uploads\/Cladera-Hila-Homs-propostes-cultura-antiga-preso-palma-eleccions-2019.jpeg 1000w, https:\/\/www.psib-psoe.org\/mallorca\/wp-content\/uploads\/Cladera-Hila-Homs-propostes-cultura-antiga-preso-palma-eleccions-2019-300x216.jpeg 300w, https:\/\/www.psib-psoe.org\/mallorca\/wp-content\/uploads\/Cladera-Hila-Homs-propostes-cultura-antiga-preso-palma-eleccions-2019-768x553.jpeg 768w, https:\/\/www.psib-psoe.org\/mallorca\/wp-content\/uploads\/Cladera-Hila-Homs-propostes-cultura-antiga-preso-palma-eleccions-2019-900x648.jpeg 900w\" sizes=\"(max-width: 556px) 100vw, 556px\" \/><\/figure>\n\t\t<div class=\"blog-top\">\n\t\t\t<header class=\"post-title entry-header\">\n\t\t\t\t<aside class=\"post-meta cf\">\n\t\t20\/05\/2019 \/ <a href=\"https:\/\/www.psib-psoe.org\/mallorca\/category\/federacio-de-mallorca\/\" rel=\"category tag\">Federaci\u00f3 de Mallorca<\/a>, <a href=\"https:\/\/www.psib-psoe.org\/mallorca\/category\/municipis\/\" rel=\"category tag\">Municipis<\/a><\/aside>\n\t\t\t\t<h3 itemprop=\"headline\"><a href=\"https:\/\/www.psib-psoe.org\/mallorca\/cladera-es-compromet-a-fer-del-teatre-principal-la-misericordia-i-es-sindicat-de-felanitx-centres-culturals-de-referencia\/\" title=\"Cladera es compromet a fer del Teatre Principal, La Miseric\u00f2rdia i Es Sindicat de Felanitx \u201ccentres culturals de refer\u00e8ncia\u201d\">Cladera es compromet a fer del Teatre Principal, La Miseric\u00f2rdia i Es Sindicat de Felanitx \u201ccentres culturals de refer\u00e8ncia\u201d<\/a><\/h3>\n\t\t\t<\/header>\n\t\t<\/div>\n\t\t<div class=\"post-content\">\n\t\t\t<a href=\"https:\/\/www.psib-psoe.org\/mallorca\/cladera-es-compromet-a-fer-del-teatre-principal-la-misericordia-i-es-sindicat-de-felanitx-centres-culturals-de-referencia\/\" class=\"more-link\">Read More<\/a>\n\t\t<\/div>\n\t\t\t<aside class=\"post-bottom-meta hide\">\n\t\t<strong rel=\"author\" itemprop=\"author\" class=\"author vcard\"><span class=\"fn\">adminpsib<\/span><\/strong>\n\t\t<time class=\"date published time\" datetime=\"2019-05-20T15:00:53+02:00\" itemprop=\"datePublished\" content=\"2019-05-20T15:00:53+02:00\">20\/05\/2019<\/time>\n\t\t<meta itemprop=\"dateModified\" class=\"date updated\" content=\"2019-12-05T12:39:16+02:00\">\n\t\t<span class=\"hide\" itemprop=\"publisher\" itemscope itemtype=\"https:\/\/schema.org\/Organization\">\n\t\t\t<meta itemprop=\"name\" content=\"SocialistesdMca\">\n\t\t\t<span itemprop=\"logo\" itemscope itemtype=\"https:\/\/schema.org\/ImageObject\">\n\t\t\t\t<meta itemprop=\"url\" content=\"https:\/\/www.psib-psoe.org\/mallorca\/wp-content\/themes\/notio-wp\/assets\/img\/logo.png\">\n\t\t\t<\/span>\n\t\t\t<meta itemprop=\"url\" content=\"https:\/\/www.psib-psoe.org\/mallorca\/\">\n\t\t<\/span>\n\t\t\t\t<span class=\"hide\" itemprop=\"image\" itemscope itemtype=\"http:\/\/schema.org\/ImageObject\">\n\t\t\t<meta itemprop=\"url\" content=\"https:\/\/www.psib-psoe.org\/mallorca\/wp-content\/uploads\/Cladera-Hila-Homs-propostes-cultura-antiga-preso-palma-eleccions-2019.jpeg\">\n\t\t\t<meta itemprop=\"width\" content=\"1000\">\n\t\t\t<meta itemprop=\"height\" content=\"720\">\n\t\t<\/span>\n\t\t\t\t<meta itemscope itemprop=\"mainEntityOfPage\" itemtype=\"https:\/\/schema.org\/WebPage\" itemid=\"https:\/\/www.psib-psoe.org\/mallorca\/cladera-es-compromet-a-fer-del-teatre-principal-la-misericordia-i-es-sindicat-de-felanitx-centres-culturals-de-referencia\/\">\n\t<\/aside>\n\t\t<\/article>\n<\/div>\n<div class=\"small-12 large-4 columns\">\n\t<article itemscope itemtype=\"http:\/\/schema.org\/Article\" class=\"post blog-style7 alt post-23665 type-post status-publish format-standard has-post-thumbnail hentry category-federacio-de-mallorca category-municipis\" role=\"article\">\n\t\t<figure class=\"post-gallery\"><img loading=\"lazy\" decoding=\"async\" width=\"533\" height=\"400\" src=\"https:\/\/www.psib-psoe.org\/mallorca\/wp-content\/uploads\/190519_Sapobla_Web.jpg\" class=\"attachment-notio-general-x2 size-notio-general-x2 wp-post-image\" alt=\"\" srcset=\"https:\/\/www.psib-psoe.org\/mallorca\/wp-content\/uploads\/190519_Sapobla_Web.jpg 1000w, https:\/\/www.psib-psoe.org\/mallorca\/wp-content\/uploads\/190519_Sapobla_Web-300x225.jpg 300w, https:\/\/www.psib-psoe.org\/mallorca\/wp-content\/uploads\/190519_Sapobla_Web-768x576.jpg 768w, https:\/\/www.psib-psoe.org\/mallorca\/wp-content\/uploads\/190519_Sapobla_Web-900x675.jpg 900w\" sizes=\"(max-width: 533px) 100vw, 533px\" \/><\/figure>\n\t\t<div class=\"blog-top\">\n\t\t\t<header class=\"post-title entry-header\">\n\t\t\t\t<aside class=\"post-meta cf\">\n\t\t20\/05\/2019 \/ <a href=\"https:\/\/www.psib-psoe.org\/mallorca\/category\/federacio-de-mallorca\/\" rel=\"category tag\">Federaci\u00f3 de Mallorca<\/a>, <a href=\"https:\/\/www.psib-psoe.org\/mallorca\/category\/municipis\/\" rel=\"category tag\">Municipis<\/a><\/aside>\n\t\t\t\t<h3 itemprop=\"headline\"><a href=\"https:\/\/www.psib-psoe.org\/mallorca\/cladera-cronicitat\/\" title=\"Cladera anuncia l\u2019eliminaci\u00f3 de la llista d\u2019espera en depend\u00e8ncia, 500 noves places residencials i 1.000 places per a croniciat\">Cladera anuncia l\u2019eliminaci\u00f3 de la llista d\u2019espera en depend\u00e8ncia, 500 noves places residencials i 1.000 places per a croniciat<\/a><\/h3>\n\t\t\t<\/header>\n\t\t<\/div>\n\t\t<div class=\"post-content\">\n\t\t\t<a href=\"https:\/\/www.psib-psoe.org\/mallorca\/cladera-cronicitat\/\" class=\"more-link\">Read More<\/a>\n\t\t<\/div>\n\t\t\t<aside class=\"post-bottom-meta hide\">\n\t\t<strong rel=\"author\" itemprop=\"author\" class=\"author vcard\"><span class=\"fn\">Joana Aina S\u00e1nchez<\/span><\/strong>\n\t\t<time class=\"date published time\" datetime=\"2019-05-20T12:00:18+02:00\" itemprop=\"datePublished\" content=\"2019-05-20T12:00:18+02:00\">20\/05\/2019<\/time>\n\t\t<meta itemprop=\"dateModified\" class=\"date updated\" content=\"2019-12-05T12:47:07+02:00\">\n\t\t<span class=\"hide\" itemprop=\"publisher\" itemscope itemtype=\"https:\/\/schema.org\/Organization\">\n\t\t\t<meta itemprop=\"name\" content=\"SocialistesdMca\">\n\t\t\t<span itemprop=\"logo\" itemscope itemtype=\"https:\/\/schema.org\/ImageObject\">\n\t\t\t\t<meta itemprop=\"url\" content=\"https:\/\/www.psib-psoe.org\/mallorca\/wp-content\/themes\/notio-wp\/assets\/img\/logo.png\">\n\t\t\t<\/span>\n\t\t\t<meta itemprop=\"url\" content=\"https:\/\/www.psib-psoe.org\/mallorca\/\">\n\t\t<\/span>\n\t\t\t\t<span class=\"hide\" itemprop=\"image\" itemscope itemtype=\"http:\/\/schema.org\/ImageObject\">\n\t\t\t<meta itemprop=\"url\" content=\"https:\/\/www.psib-psoe.org\/mallorca\/wp-content\/uploads\/190519_Sapobla_Web.jpg\">\n\t\t\t<meta itemprop=\"width\" content=\"1000\">\n\t\t\t<meta itemprop=\"height\" content=\"750\">\n\t\t<\/span>\n\t\t\t\t<meta itemscope itemprop=\"mainEntityOfPage\" itemtype=\"https:\/\/schema.org\/WebPage\" itemid=\"https:\/\/www.psib-psoe.org\/mallorca\/cladera-cronicitat\/\">\n\t<\/aside>\n\t\t<\/article>\n<\/div>\n<div class=\"small-12 large-4 columns\">\n\t<article itemscope itemtype=\"http:\/\/schema.org\/Article\" class=\"post blog-style7 alt post-25201 type-post status-publish format-standard has-post-thumbnail hentry category-federacio-de-mallorca tag-federacio-socialista-de-mallorca\" role=\"article\">\n\t\t<figure class=\"post-gallery\"><img loading=\"lazy\" decoding=\"async\" width=\"600\" height=\"400\" src=\"https:\/\/www.psib-psoe.org\/mallorca\/wp-content\/uploads\/190519_PalmaWEB-1-600x400.jpg\" class=\"attachment-notio-general-x2 size-notio-general-x2 wp-post-image\" alt=\"\" srcset=\"https:\/\/www.psib-psoe.org\/mallorca\/wp-content\/uploads\/190519_PalmaWEB-1-600x400.jpg 600w, https:\/\/www.psib-psoe.org\/mallorca\/wp-content\/uploads\/190519_PalmaWEB-1-300x200.jpg 300w, https:\/\/www.psib-psoe.org\/mallorca\/wp-content\/uploads\/190519_PalmaWEB-1-900x600.jpg 900w, https:\/\/www.psib-psoe.org\/mallorca\/wp-content\/uploads\/190519_PalmaWEB-1-20x13.jpg 20w\" sizes=\"(max-width: 600px) 100vw, 600px\" \/><\/figure>\n\t\t<div class=\"blog-top\">\n\t\t\t<header class=\"post-title entry-header\">\n\t\t\t\t<aside class=\"post-meta cf\">\n\t\t19\/05\/2019 \/ <a href=\"https:\/\/www.psib-psoe.org\/mallorca\/category\/federacio-de-mallorca\/\" rel=\"category tag\">Federaci\u00f3 de Mallorca<\/a><\/aside>\n\t\t\t\t<h3 itemprop=\"headline\"><a href=\"https:\/\/www.psib-psoe.org\/mallorca\/armengol-un-sol-vot-pot-ser-decisiu-per-aturar-el-pacte-de-la-dreta-i-lextrema-dreta\/\" title=\"Armengol: \u201cUn sol vot pot ser decisiu per aturar el pacte de la dreta i l\u2019extrema dreta\u201d\">Armengol: \u201cUn sol vot pot ser decisiu per aturar el pacte de la dreta i l\u2019extrema dreta\u201d<\/a><\/h3>\n\t\t\t<\/header>\n\t\t<\/div>\n\t\t<div class=\"post-content\">\n\t\t\t<a href=\"https:\/\/www.psib-psoe.org\/mallorca\/armengol-un-sol-vot-pot-ser-decisiu-per-aturar-el-pacte-de-la-dreta-i-lextrema-dreta\/\" class=\"more-link\">Read More<\/a>\n\t\t<\/div>\n\t\t\t<aside class=\"post-bottom-meta hide\">\n\t\t<strong rel=\"author\" itemprop=\"author\" class=\"author vcard\"><span class=\"fn\">adminpsib<\/span><\/strong>\n\t\t<time class=\"date published time\" datetime=\"2019-05-19T14:55:25+02:00\" itemprop=\"datePublished\" content=\"2019-05-19T14:55:25+02:00\">19\/05\/2019<\/time>\n\t\t<meta itemprop=\"dateModified\" class=\"date updated\" content=\"2019-05-19T14:55:25+02:00\">\n\t\t<span class=\"hide\" itemprop=\"publisher\" itemscope itemtype=\"https:\/\/schema.org\/Organization\">\n\t\t\t<meta itemprop=\"name\" content=\"SocialistesdMca\">\n\t\t\t<span itemprop=\"logo\" itemscope itemtype=\"https:\/\/schema.org\/ImageObject\">\n\t\t\t\t<meta itemprop=\"url\" content=\"https:\/\/www.psib-psoe.org\/mallorca\/wp-content\/themes\/notio-wp\/assets\/img\/logo.png\">\n\t\t\t<\/span>\n\t\t\t<meta itemprop=\"url\" content=\"https:\/\/www.psib-psoe.org\/mallorca\/\">\n\t\t<\/span>\n\t\t\t\t<span class=\"hide\" itemprop=\"image\" itemscope itemtype=\"http:\/\/schema.org\/ImageObject\">\n\t\t\t<meta itemprop=\"url\" content=\"https:\/\/www.psib-psoe.org\/mallorca\/wp-content\/uploads\/190519_PalmaWEB-1.jpg\">\n\t\t\t<meta itemprop=\"width\" content=\"1000\">\n\t\t\t<meta itemprop=\"height\" content=\"750\">\n\t\t<\/span>\n\t\t\t\t<meta itemscope itemprop=\"mainEntityOfPage\" itemtype=\"https:\/\/schema.org\/WebPage\" itemid=\"https:\/\/www.psib-psoe.org\/mallorca\/armengol-un-sol-vot-pot-ser-decisiu-per-aturar-el-pacte-de-la-dreta-i-lextrema-dreta\/\">\n\t<\/aside>\n\t\t<\/article>\n<\/div>\n<div class=\"small-12 large-4 columns\">\n\t<article itemscope itemtype=\"http:\/\/schema.org\/Article\" class=\"post blog-style7 alt post-23661 type-post status-publish format-standard has-post-thumbnail hentry category-federacio-de-mallorca category-municipis\" role=\"article\">\n\t\t<figure class=\"post-gallery\"><img loading=\"lazy\" decoding=\"async\" width=\"600\" height=\"325\" src=\"https:\/\/www.psib-psoe.org\/mallorca\/wp-content\/uploads\/190519_MariaWEB.jpg\" class=\"attachment-notio-general-x2 size-notio-general-x2 wp-post-image\" alt=\"\" srcset=\"https:\/\/www.psib-psoe.org\/mallorca\/wp-content\/uploads\/190519_MariaWEB.jpg 1000w, https:\/\/www.psib-psoe.org\/mallorca\/wp-content\/uploads\/190519_MariaWEB-300x162.jpg 300w, https:\/\/www.psib-psoe.org\/mallorca\/wp-content\/uploads\/190519_MariaWEB-768x415.jpg 768w, https:\/\/www.psib-psoe.org\/mallorca\/wp-content\/uploads\/190519_MariaWEB-900x487.jpg 900w\" sizes=\"(max-width: 600px) 100vw, 600px\" \/><\/figure>\n\t\t<div class=\"blog-top\">\n\t\t\t<header class=\"post-title entry-header\">\n\t\t\t\t<aside class=\"post-meta cf\">\n\t\t19\/05\/2019 \/ <a href=\"https:\/\/www.psib-psoe.org\/mallorca\/category\/federacio-de-mallorca\/\" rel=\"category tag\">Federaci\u00f3 de Mallorca<\/a>, <a href=\"https:\/\/www.psib-psoe.org\/mallorca\/category\/municipis\/\" rel=\"category tag\">Municipis<\/a><\/aside>\n\t\t\t\t<h3 itemprop=\"headline\"><a href=\"https:\/\/www.psib-psoe.org\/mallorca\/cladera-el-26-de-maig-ens-jugam-el-mes-important-leducacio-la-sanitat-i-els-serveis-socials-que-volem-que-nomes-avancaran-amb-un-vot-al-psib-psoe\/\" title=\"Cladera: \u201cEl 26 de maig ens jugam el m\u00e9s important: l\u2019educaci\u00f3, la sanitat i els serveis socials que volem, que nom\u00e9s avan\u00e7aran amb un vot al PSIB-PSOE\u201d\">Cladera: \u201cEl 26 de maig ens jugam el m\u00e9s important: l\u2019educaci\u00f3, la sanitat i els serveis socials que volem, que nom\u00e9s avan\u00e7aran amb un vot al PSIB-PSOE\u201d<\/a><\/h3>\n\t\t\t<\/header>\n\t\t<\/div>\n\t\t<div class=\"post-content\">\n\t\t\t<a href=\"https:\/\/www.psib-psoe.org\/mallorca\/cladera-el-26-de-maig-ens-jugam-el-mes-important-leducacio-la-sanitat-i-els-serveis-socials-que-volem-que-nomes-avancaran-amb-un-vot-al-psib-psoe\/\" class=\"more-link\">Read More<\/a>\n\t\t<\/div>\n\t\t\t<aside class=\"post-bottom-meta hide\">\n\t\t<strong rel=\"author\" itemprop=\"author\" class=\"author vcard\"><span class=\"fn\">Joana Aina S\u00e1nchez<\/span><\/strong>\n\t\t<time class=\"date published time\" datetime=\"2019-05-19T14:30:29+02:00\" itemprop=\"datePublished\" content=\"2019-05-19T14:30:29+02:00\">19\/05\/2019<\/time>\n\t\t<meta itemprop=\"dateModified\" class=\"date updated\" content=\"2019-12-05T12:47:14+02:00\">\n\t\t<span class=\"hide\" itemprop=\"publisher\" itemscope itemtype=\"https:\/\/schema.org\/Organization\">\n\t\t\t<meta itemprop=\"name\" content=\"SocialistesdMca\">\n\t\t\t<span itemprop=\"logo\" itemscope itemtype=\"https:\/\/schema.org\/ImageObject\">\n\t\t\t\t<meta itemprop=\"url\" content=\"https:\/\/www.psib-psoe.org\/mallorca\/wp-content\/themes\/notio-wp\/assets\/img\/logo.png\">\n\t\t\t<\/span>\n\t\t\t<meta itemprop=\"url\" content=\"https:\/\/www.psib-psoe.org\/mallorca\/\">\n\t\t<\/span>\n\t\t\t\t<span class=\"hide\" itemprop=\"image\" itemscope itemtype=\"http:\/\/schema.org\/ImageObject\">\n\t\t\t<meta itemprop=\"url\" content=\"https:\/\/www.psib-psoe.org\/mallorca\/wp-content\/uploads\/190519_MariaWEB.jpg\">\n\t\t\t<meta itemprop=\"width\" content=\"1000\">\n\t\t\t<meta itemprop=\"height\" content=\"541\">\n\t\t<\/span>\n\t\t\t\t<meta itemscope itemprop=\"mainEntityOfPage\" itemtype=\"https:\/\/schema.org\/WebPage\" itemid=\"https:\/\/www.psib-psoe.org\/mallorca\/cladera-el-26-de-maig-ens-jugam-el-mes-important-leducacio-la-sanitat-i-els-serveis-socials-que-volem-que-nomes-avancaran-amb-un-vot-al-psib-psoe\/\">\n\t<\/aside>\n\t\t<\/article>\n<\/div>\n<div class=\"small-12 large-4 columns\">\n\t<article itemscope itemtype=\"http:\/\/schema.org\/Article\" class=\"post blog-style7 alt post-23784 type-post status-publish format-standard has-post-thumbnail hentry category-federacio-de-mallorca category-municipis\" role=\"article\">\n\t\t<figure class=\"post-gallery\"><img loading=\"lazy\" decoding=\"async\" width=\"600\" height=\"400\" src=\"https:\/\/www.psib-psoe.org\/mallorca\/wp-content\/uploads\/catalina-cladera-presentacio-candidatura-sant-joan-maig-2019-600x400.jpeg\" class=\"attachment-notio-general-x2 size-notio-general-x2 wp-post-image\" alt=\"\" srcset=\"https:\/\/www.psib-psoe.org\/mallorca\/wp-content\/uploads\/catalina-cladera-presentacio-candidatura-sant-joan-maig-2019-600x400.jpeg 600w, https:\/\/www.psib-psoe.org\/mallorca\/wp-content\/uploads\/catalina-cladera-presentacio-candidatura-sant-joan-maig-2019-300x200.jpeg 300w, https:\/\/www.psib-psoe.org\/mallorca\/wp-content\/uploads\/catalina-cladera-presentacio-candidatura-sant-joan-maig-2019-900x600.jpeg 900w, https:\/\/www.psib-psoe.org\/mallorca\/wp-content\/uploads\/catalina-cladera-presentacio-candidatura-sant-joan-maig-2019-20x13.jpeg 20w\" sizes=\"(max-width: 600px) 100vw, 600px\" \/><\/figure>\n\t\t<div class=\"blog-top\">\n\t\t\t<header class=\"post-title entry-header\">\n\t\t\t\t<aside class=\"post-meta cf\">\n\t\t18\/05\/2019 \/ <a href=\"https:\/\/www.psib-psoe.org\/mallorca\/category\/federacio-de-mallorca\/\" rel=\"category tag\">Federaci\u00f3 de Mallorca<\/a>, <a href=\"https:\/\/www.psib-psoe.org\/mallorca\/category\/municipis\/\" rel=\"category tag\">Municipis<\/a><\/aside>\n\t\t\t\t<h3 itemprop=\"headline\"><a href=\"https:\/\/www.psib-psoe.org\/mallorca\/cladera-recorda-a-sant-joan-la-importancia-danar-a-les-urnes-el-26-de-maig-i-votar-progres-per-evitar-que-la-dreta-sumi-i-ens-faci-retrocedir\/\" title=\"Cladera recorda a Sant Joan la import\u00e0ncia d\u2019anar a les urnes el 26 de maig \u201ci votar progr\u00e9s per evitar que la dreta sumi i ens faci retrocedir\u201d\">Cladera recorda a Sant Joan la import\u00e0ncia d\u2019anar a les urnes el 26 de maig \u201ci votar progr\u00e9s per evitar que la dreta sumi i ens faci retrocedir\u201d<\/a><\/h3>\n\t\t\t<\/header>\n\t\t<\/div>\n\t\t<div class=\"post-content\">\n\t\t\t<a href=\"https:\/\/www.psib-psoe.org\/mallorca\/cladera-recorda-a-sant-joan-la-importancia-danar-a-les-urnes-el-26-de-maig-i-votar-progres-per-evitar-que-la-dreta-sumi-i-ens-faci-retrocedir\/\" class=\"more-link\">Read More<\/a>\n\t\t<\/div>\n\t\t\t<aside class=\"post-bottom-meta hide\">\n\t\t<strong rel=\"author\" itemprop=\"author\" class=\"author vcard\"><span class=\"fn\">adminpsib<\/span><\/strong>\n\t\t<time class=\"date published time\" datetime=\"2019-05-18T13:32:54+02:00\" itemprop=\"datePublished\" content=\"2019-05-18T13:32:54+02:00\">18\/05\/2019<\/time>\n\t\t<meta itemprop=\"dateModified\" class=\"date updated\" content=\"2019-12-05T12:51:25+02:00\">\n\t\t<span class=\"hide\" itemprop=\"publisher\" itemscope itemtype=\"https:\/\/schema.org\/Organization\">\n\t\t\t<meta itemprop=\"name\" content=\"SocialistesdMca\">\n\t\t\t<span itemprop=\"logo\" itemscope itemtype=\"https:\/\/schema.org\/ImageObject\">\n\t\t\t\t<meta itemprop=\"url\" content=\"https:\/\/www.psib-psoe.org\/mallorca\/wp-content\/themes\/notio-wp\/assets\/img\/logo.png\">\n\t\t\t<\/span>\n\t\t\t<meta itemprop=\"url\" content=\"https:\/\/www.psib-psoe.org\/mallorca\/\">\n\t\t<\/span>\n\t\t\t\t<span class=\"hide\" itemprop=\"image\" itemscope itemtype=\"http:\/\/schema.org\/ImageObject\">\n\t\t\t<meta itemprop=\"url\" content=\"https:\/\/www.psib-psoe.org\/mallorca\/wp-content\/uploads\/catalina-cladera-presentacio-candidatura-sant-joan-maig-2019.jpeg\">\n\t\t\t<meta itemprop=\"width\" content=\"1000\">\n\t\t\t<meta itemprop=\"height\" content=\"743\">\n\t\t<\/span>\n\t\t\t\t<meta itemscope itemprop=\"mainEntityOfPage\" itemtype=\"https:\/\/schema.org\/WebPage\" itemid=\"https:\/\/www.psib-psoe.org\/mallorca\/cladera-recorda-a-sant-joan-la-importancia-danar-a-les-urnes-el-26-de-maig-i-votar-progres-per-evitar-que-la-dreta-sumi-i-ens-faci-retrocedir\/\">\n\t<\/aside>\n\t\t<\/article>\n<\/div>\n<div class=\"small-12 large-4 columns\">\n\t<article itemscope itemtype=\"http:\/\/schema.org\/Article\" class=\"post blog-style7 alt post-23704 type-post status-publish format-standard has-post-thumbnail hentry category-federacio-de-mallorca category-municipis\" role=\"article\">\n\t\t<figure class=\"post-gallery\"><img loading=\"lazy\" decoding=\"async\" width=\"551\" height=\"400\" src=\"https:\/\/www.psib-psoe.org\/mallorca\/wp-content\/uploads\/catalina-cladera-toni-miralles-miting-montuiri-maig-2019-.jpeg\" class=\"attachment-notio-general-x2 size-notio-general-x2 wp-post-image\" alt=\"\" srcset=\"https:\/\/www.psib-psoe.org\/mallorca\/wp-content\/uploads\/catalina-cladera-toni-miralles-miting-montuiri-maig-2019-.jpeg 1000w, https:\/\/www.psib-psoe.org\/mallorca\/wp-content\/uploads\/catalina-cladera-toni-miralles-miting-montuiri-maig-2019--300x218.jpeg 300w, https:\/\/www.psib-psoe.org\/mallorca\/wp-content\/uploads\/catalina-cladera-toni-miralles-miting-montuiri-maig-2019--768x558.jpeg 768w, https:\/\/www.psib-psoe.org\/mallorca\/wp-content\/uploads\/catalina-cladera-toni-miralles-miting-montuiri-maig-2019--900x653.jpeg 900w\" sizes=\"(max-width: 551px) 100vw, 551px\" \/><\/figure>\n\t\t<div class=\"blog-top\">\n\t\t\t<header class=\"post-title entry-header\">\n\t\t\t\t<aside class=\"post-meta cf\">\n\t\t18\/05\/2019 \/ <a href=\"https:\/\/www.psib-psoe.org\/mallorca\/category\/federacio-de-mallorca\/\" rel=\"category tag\">Federaci\u00f3 de Mallorca<\/a>, <a href=\"https:\/\/www.psib-psoe.org\/mallorca\/category\/municipis\/\" rel=\"category tag\">Municipis<\/a><\/aside>\n\t\t\t\t<h3 itemprop=\"headline\"><a href=\"https:\/\/www.psib-psoe.org\/mallorca\/catalina-cladera-som-el-partit-del-seny-de-lestabilitat-social-del-progres-economic-i-de-la-cura-del-medi-ambient\/\" title=\"Catalina Cladera: \u201cSom el partit del seny, de l\u2019estabilitat social, del progr\u00e9s econ\u00f2mic i de la cura del medi ambient\u201d\">Catalina Cladera: \u201cSom el partit del seny, de l\u2019estabilitat social, del progr\u00e9s econ\u00f2mic i de la cura del medi ambient\u201d<\/a><\/h3>\n\t\t\t<\/header>\n\t\t<\/div>\n\t\t<div class=\"post-content\">\n\t\t\t<a href=\"https:\/\/www.psib-psoe.org\/mallorca\/catalina-cladera-som-el-partit-del-seny-de-lestabilitat-social-del-progres-economic-i-de-la-cura-del-medi-ambient\/\" class=\"more-link\">Read More<\/a>\n\t\t<\/div>\n\t\t\t<aside class=\"post-bottom-meta hide\">\n\t\t<strong rel=\"author\" itemprop=\"author\" class=\"author vcard\"><span class=\"fn\">adminpsib<\/span><\/strong>\n\t\t<time class=\"date published time\" datetime=\"2019-05-18T09:07:31+02:00\" itemprop=\"datePublished\" content=\"2019-05-18T09:07:31+02:00\">18\/05\/2019<\/time>\n\t\t<meta itemprop=\"dateModified\" class=\"date updated\" content=\"2019-12-05T12:51:34+02:00\">\n\t\t<span class=\"hide\" itemprop=\"publisher\" itemscope itemtype=\"https:\/\/schema.org\/Organization\">\n\t\t\t<meta itemprop=\"name\" content=\"SocialistesdMca\">\n\t\t\t<span itemprop=\"logo\" itemscope itemtype=\"https:\/\/schema.org\/ImageObject\">\n\t\t\t\t<meta itemprop=\"url\" content=\"https:\/\/www.psib-psoe.org\/mallorca\/wp-content\/themes\/notio-wp\/assets\/img\/logo.png\">\n\t\t\t<\/span>\n\t\t\t<meta itemprop=\"url\" content=\"https:\/\/www.psib-psoe.org\/mallorca\/\">\n\t\t<\/span>\n\t\t\t\t<span class=\"hide\" itemprop=\"image\" itemscope itemtype=\"http:\/\/schema.org\/ImageObject\">\n\t\t\t<meta itemprop=\"url\" content=\"https:\/\/www.psib-psoe.org\/mallorca\/wp-content\/uploads\/catalina-cladera-toni-miralles-miting-montuiri-maig-2019-.jpeg\">\n\t\t\t<meta itemprop=\"width\" content=\"1000\">\n\t\t\t<meta itemprop=\"height\" content=\"726\">\n\t\t<\/span>\n\t\t\t\t<meta itemscope itemprop=\"mainEntityOfPage\" itemtype=\"https:\/\/schema.org\/WebPage\" itemid=\"https:\/\/www.psib-psoe.org\/mallorca\/catalina-cladera-som-el-partit-del-seny-de-lestabilitat-social-del-progres-economic-i-de-la-cura-del-medi-ambient\/\">\n\t<\/aside>\n\t\t<\/article>\n<\/div>\n<div class=\"small-12 large-4 columns\">\n\t<article itemscope itemtype=\"http:\/\/schema.org\/Article\" class=\"post blog-style7 alt post-23699 type-post status-publish format-standard has-post-thumbnail hentry category-federacio-de-mallorca category-municipis\" role=\"article\">\n\t\t<figure class=\"post-gallery\"><img loading=\"lazy\" decoding=\"async\" width=\"600\" height=\"400\" src=\"https:\/\/www.psib-psoe.org\/mallorca\/wp-content\/uploads\/190516_SantaMargalida_WEB-2-600x400.jpg\" class=\"attachment-notio-general-x2 size-notio-general-x2 wp-post-image\" alt=\"\" srcset=\"https:\/\/www.psib-psoe.org\/mallorca\/wp-content\/uploads\/190516_SantaMargalida_WEB-2-600x400.jpg 600w, https:\/\/www.psib-psoe.org\/mallorca\/wp-content\/uploads\/190516_SantaMargalida_WEB-2-300x200.jpg 300w, https:\/\/www.psib-psoe.org\/mallorca\/wp-content\/uploads\/190516_SantaMargalida_WEB-2-900x600.jpg 900w, https:\/\/www.psib-psoe.org\/mallorca\/wp-content\/uploads\/190516_SantaMargalida_WEB-2-20x13.jpg 20w\" sizes=\"(max-width: 600px) 100vw, 600px\" \/><\/figure>\n\t\t<div class=\"blog-top\">\n\t\t\t<header class=\"post-title entry-header\">\n\t\t\t\t<aside class=\"post-meta cf\">\n\t\t15\/05\/2019 \/ <a href=\"https:\/\/www.psib-psoe.org\/mallorca\/category\/federacio-de-mallorca\/\" rel=\"category tag\">Federaci\u00f3 de Mallorca<\/a>, <a href=\"https:\/\/www.psib-psoe.org\/mallorca\/category\/municipis\/\" rel=\"category tag\">Municipis<\/a><\/aside>\n\t\t\t\t<h3 itemprop=\"headline\"><a href=\"https:\/\/www.psib-psoe.org\/mallorca\/francina-armengol-demana-maxima-mobilitzacio-el-26-de-maig-per-no-perdre-els-drets-que-tant-ens-ha-costat-garantir\/\" title=\"Francina Armengol demana \u201cm\u00e0xima mobilitzaci\u00f3 el 26 de maig per no perdre els drets que tant ens ha costat garantir\u201d\">Francina Armengol demana \u201cm\u00e0xima mobilitzaci\u00f3 el 26 de maig per no perdre els drets que tant ens ha costat garantir\u201d<\/a><\/h3>\n\t\t\t<\/header>\n\t\t<\/div>\n\t\t<div class=\"post-content\">\n\t\t\t<a href=\"https:\/\/www.psib-psoe.org\/mallorca\/francina-armengol-demana-maxima-mobilitzacio-el-26-de-maig-per-no-perdre-els-drets-que-tant-ens-ha-costat-garantir\/\" class=\"more-link\">Read More<\/a>\n\t\t<\/div>\n\t\t\t<aside class=\"post-bottom-meta hide\">\n\t\t<strong rel=\"author\" itemprop=\"author\" class=\"author vcard\"><span class=\"fn\">adminpsib<\/span><\/strong>\n\t\t<time class=\"date published time\" datetime=\"2019-05-15T20:50:37+02:00\" itemprop=\"datePublished\" content=\"2019-05-15T20:50:37+02:00\">15\/05\/2019<\/time>\n\t\t<meta itemprop=\"dateModified\" class=\"date updated\" content=\"2019-12-05T12:56:23+02:00\">\n\t\t<span class=\"hide\" itemprop=\"publisher\" itemscope itemtype=\"https:\/\/schema.org\/Organization\">\n\t\t\t<meta itemprop=\"name\" content=\"SocialistesdMca\">\n\t\t\t<span itemprop=\"logo\" itemscope itemtype=\"https:\/\/schema.org\/ImageObject\">\n\t\t\t\t<meta itemprop=\"url\" content=\"https:\/\/www.psib-psoe.org\/mallorca\/wp-content\/themes\/notio-wp\/assets\/img\/logo.png\">\n\t\t\t<\/span>\n\t\t\t<meta itemprop=\"url\" content=\"https:\/\/www.psib-psoe.org\/mallorca\/\">\n\t\t<\/span>\n\t\t\t\t<span class=\"hide\" itemprop=\"image\" itemscope itemtype=\"http:\/\/schema.org\/ImageObject\">\n\t\t\t<meta itemprop=\"url\" content=\"https:\/\/www.psib-psoe.org\/mallorca\/wp-content\/uploads\/190516_SantaMargalida_WEB-2.jpg\">\n\t\t\t<meta itemprop=\"width\" content=\"1000\">\n\t\t\t<meta itemprop=\"height\" content=\"750\">\n\t\t<\/span>\n\t\t\t\t<meta itemscope itemprop=\"mainEntityOfPage\" itemtype=\"https:\/\/schema.org\/WebPage\" itemid=\"https:\/\/www.psib-psoe.org\/mallorca\/francina-armengol-demana-maxima-mobilitzacio-el-26-de-maig-per-no-perdre-els-drets-que-tant-ens-ha-costat-garantir\/\">\n\t<\/aside>\n\t\t<\/article>\n<\/div>\n<div class=\"small-12 large-4 columns\">\n\t<article itemscope itemtype=\"http:\/\/schema.org\/Article\" class=\"post blog-style7 alt post-23851 type-post status-publish format-standard has-post-thumbnail hentry category-federacio-de-mallorca category-municipis\" role=\"article\">\n\t\t<figure class=\"post-gallery\"><img loading=\"lazy\" decoding=\"async\" width=\"600\" height=\"400\" src=\"https:\/\/www.psib-psoe.org\/mallorca\/wp-content\/uploads\/francina-armengol-presentacio-candidatura-arta-maig-2019-600x400.jpeg\" class=\"attachment-notio-general-x2 size-notio-general-x2 wp-post-image\" alt=\"\" srcset=\"https:\/\/www.psib-psoe.org\/mallorca\/wp-content\/uploads\/francina-armengol-presentacio-candidatura-arta-maig-2019-600x400.jpeg 600w, https:\/\/www.psib-psoe.org\/mallorca\/wp-content\/uploads\/francina-armengol-presentacio-candidatura-arta-maig-2019-300x200.jpeg 300w, https:\/\/www.psib-psoe.org\/mallorca\/wp-content\/uploads\/francina-armengol-presentacio-candidatura-arta-maig-2019-768x512.jpeg 768w, https:\/\/www.psib-psoe.org\/mallorca\/wp-content\/uploads\/francina-armengol-presentacio-candidatura-arta-maig-2019-150x100.jpeg 150w, https:\/\/www.psib-psoe.org\/mallorca\/wp-content\/uploads\/francina-armengol-presentacio-candidatura-arta-maig-2019-900x600.jpeg 900w, https:\/\/www.psib-psoe.org\/mallorca\/wp-content\/uploads\/francina-armengol-presentacio-candidatura-arta-maig-2019-20x13.jpeg 20w, https:\/\/www.psib-psoe.org\/mallorca\/wp-content\/uploads\/francina-armengol-presentacio-candidatura-arta-maig-2019.jpeg 1000w\" sizes=\"(max-width: 600px) 100vw, 600px\" \/><\/figure>\n\t\t<div class=\"blog-top\">\n\t\t\t<header class=\"post-title entry-header\">\n\t\t\t\t<aside class=\"post-meta cf\">\n\t\t15\/05\/2019 \/ <a href=\"https:\/\/www.psib-psoe.org\/mallorca\/category\/federacio-de-mallorca\/\" rel=\"category tag\">Federaci\u00f3 de Mallorca<\/a>, <a href=\"https:\/\/www.psib-psoe.org\/mallorca\/category\/municipis\/\" rel=\"category tag\">Municipis<\/a><\/aside>\n\t\t\t\t<h3 itemprop=\"headline\"><a href=\"https:\/\/www.psib-psoe.org\/mallorca\/francina-armengol-deman-el-vot-per-al-partit-socialista-perque-es-lunic-que-realment-pot-aturar-el-pacte-de-la-dreta-i-lextrema-dreta\/\" title=\"Francina Armengol: \u201cDeman el vot per al Partit Socialista perqu\u00e8 \u00e9s l\u2019\u00fanic que realment pot aturar el pacte de la dreta i l\u2019extrema dreta\u201d\">Francina Armengol: \u201cDeman el vot per al Partit Socialista perqu\u00e8 \u00e9s l\u2019\u00fanic que realment pot aturar el pacte de la dreta i l\u2019extrema dreta\u201d<\/a><\/h3>\n\t\t\t<\/header>\n\t\t<\/div>\n\t\t<div class=\"post-content\">\n\t\t\t<a href=\"https:\/\/www.psib-psoe.org\/mallorca\/francina-armengol-deman-el-vot-per-al-partit-socialista-perque-es-lunic-que-realment-pot-aturar-el-pacte-de-la-dreta-i-lextrema-dreta\/\" class=\"more-link\">Read More<\/a>\n\t\t<\/div>\n\t\t\t<aside class=\"post-bottom-meta hide\">\n\t\t<strong rel=\"author\" itemprop=\"author\" class=\"author vcard\"><span class=\"fn\">adminpsib<\/span><\/strong>\n\t\t<time class=\"date published time\" datetime=\"2019-05-15T13:10:28+02:00\" itemprop=\"datePublished\" content=\"2019-05-15T13:10:28+02:00\">15\/05\/2019<\/time>\n\t\t<meta itemprop=\"dateModified\" class=\"date updated\" content=\"2019-12-05T12:56:27+02:00\">\n\t\t<span class=\"hide\" itemprop=\"publisher\" itemscope itemtype=\"https:\/\/schema.org\/Organization\">\n\t\t\t<meta itemprop=\"name\" content=\"SocialistesdMca\">\n\t\t\t<span itemprop=\"logo\" itemscope itemtype=\"https:\/\/schema.org\/ImageObject\">\n\t\t\t\t<meta itemprop=\"url\" content=\"https:\/\/www.psib-psoe.org\/mallorca\/wp-content\/themes\/notio-wp\/assets\/img\/logo.png\">\n\t\t\t<\/span>\n\t\t\t<meta itemprop=\"url\" content=\"https:\/\/www.psib-psoe.org\/mallorca\/\">\n\t\t<\/span>\n\t\t\t\t<span class=\"hide\" itemprop=\"image\" itemscope itemtype=\"http:\/\/schema.org\/ImageObject\">\n\t\t\t<meta itemprop=\"url\" content=\"https:\/\/www.psib-psoe.org\/mallorca\/wp-content\/uploads\/francina-armengol-presentacio-candidatura-arta-maig-2019.jpeg\">\n\t\t\t<meta itemprop=\"width\" content=\"1000\">\n\t\t\t<meta itemprop=\"height\" content=\"667\">\n\t\t<\/span>\n\t\t\t\t<meta itemscope itemprop=\"mainEntityOfPage\" itemtype=\"https:\/\/schema.org\/WebPage\" itemid=\"https:\/\/www.psib-psoe.org\/mallorca\/francina-armengol-deman-el-vot-per-al-partit-socialista-perque-es-lunic-que-realment-pot-aturar-el-pacte-de-la-dreta-i-lextrema-dreta\/\">\n\t<\/aside>\n\t\t<\/article>\n<\/div>\n<div class=\"small-12 large-4 columns\">\n\t<article itemscope itemtype=\"http:\/\/schema.org\/Article\" class=\"post blog-style7 alt post-23787 type-post status-publish format-standard has-post-thumbnail hentry category-federacio-de-mallorca category-municipis\" role=\"article\">\n\t\t<figure class=\"post-gallery\"><img loading=\"lazy\" decoding=\"async\" width=\"600\" height=\"400\" src=\"https:\/\/www.psib-psoe.org\/mallorca\/wp-content\/uploads\/francina-armengol-rafel-fernandez-presentacio-candidatura-capdepera-maig-2019-600x400.jpeg\" class=\"attachment-notio-general-x2 size-notio-general-x2 wp-post-image\" alt=\"\" srcset=\"https:\/\/www.psib-psoe.org\/mallorca\/wp-content\/uploads\/francina-armengol-rafel-fernandez-presentacio-candidatura-capdepera-maig-2019-600x400.jpeg 600w, https:\/\/www.psib-psoe.org\/mallorca\/wp-content\/uploads\/francina-armengol-rafel-fernandez-presentacio-candidatura-capdepera-maig-2019-300x200.jpeg 300w, https:\/\/www.psib-psoe.org\/mallorca\/wp-content\/uploads\/francina-armengol-rafel-fernandez-presentacio-candidatura-capdepera-maig-2019-20x13.jpeg 20w, https:\/\/www.psib-psoe.org\/mallorca\/wp-content\/uploads\/francina-armengol-rafel-fernandez-presentacio-candidatura-capdepera-maig-2019-900x600.jpeg 900w\" sizes=\"(max-width: 600px) 100vw, 600px\" \/><\/figure>\n\t\t<div class=\"blog-top\">\n\t\t\t<header class=\"post-title entry-header\">\n\t\t\t\t<aside class=\"post-meta cf\">\n\t\t15\/05\/2019 \/ <a href=\"https:\/\/www.psib-psoe.org\/mallorca\/category\/federacio-de-mallorca\/\" rel=\"category tag\">Federaci\u00f3 de Mallorca<\/a>, <a href=\"https:\/\/www.psib-psoe.org\/mallorca\/category\/municipis\/\" rel=\"category tag\">Municipis<\/a><\/aside>\n\t\t\t\t<h3 itemprop=\"headline\"><a href=\"https:\/\/www.psib-psoe.org\/mallorca\/francina-armengol-demana-maxima-mobilitzacio-el-26-de-maig-perque-el-psib-psoe-es-lunic-partit-que-pot-garantir-que-anem-sempre-endavant-i-amb-mes-qualitat-de-vida-per-a-totes-i-tots\/\" title=\"Francina Armengol demana m\u00e0xima mobilitzaci\u00f3 el 26 de maig perqu\u00e8 el PSIB-PSOE \u201c\u00e9s l\u2019\u00fanic partit que pot garantir que anem sempre endavant i amb m\u00e9s qualitat de vida per a totes i tots\u201d\">Francina Armengol demana m\u00e0xima mobilitzaci\u00f3 el 26 de maig perqu\u00e8 el PSIB-PSOE \u201c\u00e9s l\u2019\u00fanic partit que pot garantir que anem sempre endavant i amb m\u00e9s qualitat de vida per a totes i tots\u201d<\/a><\/h3>\n\t\t\t<\/header>\n\t\t<\/div>\n\t\t<div class=\"post-content\">\n\t\t\t<a href=\"https:\/\/www.psib-psoe.org\/mallorca\/francina-armengol-demana-maxima-mobilitzacio-el-26-de-maig-perque-el-psib-psoe-es-lunic-partit-que-pot-garantir-que-anem-sempre-endavant-i-amb-mes-qualitat-de-vida-per-a-totes-i-tots\/\" class=\"more-link\">Read More<\/a>\n\t\t<\/div>\n\t\t\t<aside class=\"post-bottom-meta hide\">\n\t\t<strong rel=\"author\" itemprop=\"author\" class=\"author vcard\"><span class=\"fn\">adminpsib<\/span><\/strong>\n\t\t<time class=\"date published time\" datetime=\"2019-05-15T13:01:10+02:00\" itemprop=\"datePublished\" content=\"2019-05-15T13:01:10+02:00\">15\/05\/2019<\/time>\n\t\t<meta itemprop=\"dateModified\" class=\"date updated\" content=\"2019-12-05T12:56:46+02:00\">\n\t\t<span class=\"hide\" itemprop=\"publisher\" itemscope itemtype=\"https:\/\/schema.org\/Organization\">\n\t\t\t<meta itemprop=\"name\" content=\"SocialistesdMca\">\n\t\t\t<span itemprop=\"logo\" itemscope itemtype=\"https:\/\/schema.org\/ImageObject\">\n\t\t\t\t<meta itemprop=\"url\" content=\"https:\/\/www.psib-psoe.org\/mallorca\/wp-content\/themes\/notio-wp\/assets\/img\/logo.png\">\n\t\t\t<\/span>\n\t\t\t<meta itemprop=\"url\" content=\"https:\/\/www.psib-psoe.org\/mallorca\/\">\n\t\t<\/span>\n\t\t\t\t<span class=\"hide\" itemprop=\"image\" itemscope itemtype=\"http:\/\/schema.org\/ImageObject\">\n\t\t\t<meta itemprop=\"url\" content=\"https:\/\/www.psib-psoe.org\/mallorca\/wp-content\/uploads\/francina-armengol-rafel-fernandez-presentacio-candidatura-capdepera-maig-2019.jpeg\">\n\t\t\t<meta itemprop=\"width\" content=\"1000\">\n\t\t\t<meta itemprop=\"height\" content=\"679\">\n\t\t<\/span>\n\t\t\t\t<meta itemscope itemprop=\"mainEntityOfPage\" itemtype=\"https:\/\/schema.org\/WebPage\" itemid=\"https:\/\/www.psib-psoe.org\/mallorca\/francina-armengol-demana-maxima-mobilitzacio-el-26-de-maig-perque-el-psib-psoe-es-lunic-partit-que-pot-garantir-que-anem-sempre-endavant-i-amb-mes-qualitat-de-vida-per-a-totes-i-tots\/\">\n\t<\/aside>\n\t\t<\/article>\n<\/div>\n<div class=\"small-12 large-4 columns\">\n\t<article itemscope itemtype=\"http:\/\/schema.org\/Article\" class=\"post blog-style7 alt post-23790 type-post status-publish format-standard has-post-thumbnail hentry category-federacio-de-mallorca category-municipis\" role=\"article\">\n\t\t<figure class=\"post-gallery\"><img loading=\"lazy\" decoding=\"async\" width=\"600\" height=\"400\" src=\"https:\/\/www.psib-psoe.org\/mallorca\/wp-content\/uploads\/francina-armengol-presentacio-candidatura-alcudia-maig-2019-600x400.jpeg\" class=\"attachment-notio-general-x2 size-notio-general-x2 wp-post-image\" alt=\"\" srcset=\"https:\/\/www.psib-psoe.org\/mallorca\/wp-content\/uploads\/francina-armengol-presentacio-candidatura-alcudia-maig-2019-600x400.jpeg 600w, https:\/\/www.psib-psoe.org\/mallorca\/wp-content\/uploads\/francina-armengol-presentacio-candidatura-alcudia-maig-2019-300x200.jpeg 300w, https:\/\/www.psib-psoe.org\/mallorca\/wp-content\/uploads\/francina-armengol-presentacio-candidatura-alcudia-maig-2019-20x13.jpeg 20w, https:\/\/www.psib-psoe.org\/mallorca\/wp-content\/uploads\/francina-armengol-presentacio-candidatura-alcudia-maig-2019-900x600.jpeg 900w\" sizes=\"(max-width: 600px) 100vw, 600px\" \/><\/figure>\n\t\t<div class=\"blog-top\">\n\t\t\t<header class=\"post-title entry-header\">\n\t\t\t\t<aside class=\"post-meta cf\">\n\t\t13\/05\/2019 \/ <a href=\"https:\/\/www.psib-psoe.org\/mallorca\/category\/federacio-de-mallorca\/\" rel=\"category tag\">Federaci\u00f3 de Mallorca<\/a>, <a href=\"https:\/\/www.psib-psoe.org\/mallorca\/category\/municipis\/\" rel=\"category tag\">Municipis<\/a><\/aside>\n\t\t\t\t<h3 itemprop=\"headline\"><a href=\"https:\/\/www.psib-psoe.org\/mallorca\/francina-armengol-demana-el-vot-entusiasta-per-al-partit-socialista-per-seguir-avancant-en-drets-i-llibertats\/\" title=\"Francina Armengol demana el \u201cvot entusiasta per al Partit Socialista per seguir avan\u00e7ant en drets i llibertats\u201d\">Francina Armengol demana el \u201cvot entusiasta per al Partit Socialista per seguir avan\u00e7ant en drets i llibertats\u201d<\/a><\/h3>\n\t\t\t<\/header>\n\t\t<\/div>\n\t\t<div class=\"post-content\">\n\t\t\t<a href=\"https:\/\/www.psib-psoe.org\/mallorca\/francina-armengol-demana-el-vot-entusiasta-per-al-partit-socialista-per-seguir-avancant-en-drets-i-llibertats\/\" class=\"more-link\">Read More<\/a>\n\t\t<\/div>\n\t\t\t<aside class=\"post-bottom-meta hide\">\n\t\t<strong rel=\"author\" itemprop=\"author\" class=\"author vcard\"><span class=\"fn\">adminpsib<\/span><\/strong>\n\t\t<time class=\"date published time\" datetime=\"2019-05-13T13:29:37+02:00\" itemprop=\"datePublished\" content=\"2019-05-13T13:29:37+02:00\">13\/05\/2019<\/time>\n\t\t<meta itemprop=\"dateModified\" class=\"date updated\" content=\"2019-12-05T12:59:53+02:00\">\n\t\t<span class=\"hide\" itemprop=\"publisher\" itemscope itemtype=\"https:\/\/schema.org\/Organization\">\n\t\t\t<meta itemprop=\"name\" content=\"SocialistesdMca\">\n\t\t\t<span itemprop=\"logo\" itemscope itemtype=\"https:\/\/schema.org\/ImageObject\">\n\t\t\t\t<meta itemprop=\"url\" content=\"https:\/\/www.psib-psoe.org\/mallorca\/wp-content\/themes\/notio-wp\/assets\/img\/logo.png\">\n\t\t\t<\/span>\n\t\t\t<meta itemprop=\"url\" content=\"https:\/\/www.psib-psoe.org\/mallorca\/\">\n\t\t<\/span>\n\t\t\t\t<span class=\"hide\" itemprop=\"image\" itemscope itemtype=\"http:\/\/schema.org\/ImageObject\">\n\t\t\t<meta itemprop=\"url\" content=\"https:\/\/www.psib-psoe.org\/mallorca\/wp-content\/uploads\/francina-armengol-presentacio-candidatura-alcudia-maig-2019.jpeg\">\n\t\t\t<meta itemprop=\"width\" content=\"1000\">\n\t\t\t<meta itemprop=\"height\" content=\"635\">\n\t\t<\/span>\n\t\t\t\t<meta itemscope itemprop=\"mainEntityOfPage\" itemtype=\"https:\/\/schema.org\/WebPage\" itemid=\"https:\/\/www.psib-psoe.org\/mallorca\/francina-armengol-demana-el-vot-entusiasta-per-al-partit-socialista-per-seguir-avancant-en-drets-i-llibertats\/\">\n\t<\/aside>\n\t\t<\/article>\n<\/div>\n<div class=\"small-12 large-4 columns\">\n\t<article itemscope itemtype=\"http:\/\/schema.org\/Article\" class=\"post blog-style7 alt post-24476 type-post status-publish format-standard has-post-thumbnail hentry category-federacio-de-mallorca category-municipis\" role=\"article\">\n\t\t<figure class=\"post-gallery\"><img loading=\"lazy\" decoding=\"async\" width=\"600\" height=\"400\" src=\"https:\/\/www.psib-psoe.org\/mallorca\/wp-content\/uploads\/francina-armengol-meritxell-batet-presentacio-candidats-municipals-maig-2019-600x400.jpg\" class=\"attachment-notio-general-x2 size-notio-general-x2 wp-post-image\" alt=\"\" srcset=\"https:\/\/www.psib-psoe.org\/mallorca\/wp-content\/uploads\/francina-armengol-meritxell-batet-presentacio-candidats-municipals-maig-2019-600x400.jpg 600w, https:\/\/www.psib-psoe.org\/mallorca\/wp-content\/uploads\/francina-armengol-meritxell-batet-presentacio-candidats-municipals-maig-2019-300x200.jpg 300w, https:\/\/www.psib-psoe.org\/mallorca\/wp-content\/uploads\/francina-armengol-meritxell-batet-presentacio-candidats-municipals-maig-2019-20x13.jpg 20w\" sizes=\"(max-width: 600px) 100vw, 600px\" \/><\/figure>\n\t\t<div class=\"blog-top\">\n\t\t\t<header class=\"post-title entry-header\">\n\t\t\t\t<aside class=\"post-meta cf\">\n\t\t13\/05\/2019 \/ <a href=\"https:\/\/www.psib-psoe.org\/mallorca\/category\/federacio-de-mallorca\/\" rel=\"category tag\">Federaci\u00f3 de Mallorca<\/a>, <a href=\"https:\/\/www.psib-psoe.org\/mallorca\/category\/municipis\/\" rel=\"category tag\">Municipis<\/a><\/aside>\n\t\t\t\t<h3 itemprop=\"headline\"><a href=\"https:\/\/www.psib-psoe.org\/mallorca\/meritxell-batet-ara-cal-anar-a-per-totes-el-26-de-maig-per-revalidar-els-resultats-del-28-dabril\/\" title=\"Meritxell Batet: \u201cAra cal anar a per totes el 26 de maig per revalidar els resultats del 28 d\u2019abril\u201d\">Meritxell Batet: \u201cAra cal anar a per totes el 26 de maig per revalidar els resultats del 28 d\u2019abril\u201d<\/a><\/h3>\n\t\t\t<\/header>\n\t\t<\/div>\n\t\t<div class=\"post-content\">\n\t\t\t<a href=\"https:\/\/www.psib-psoe.org\/mallorca\/meritxell-batet-ara-cal-anar-a-per-totes-el-26-de-maig-per-revalidar-els-resultats-del-28-dabril\/\" class=\"more-link\">Read More<\/a>\n\t\t<\/div>\n\t\t\t<aside class=\"post-bottom-meta hide\">\n\t\t<strong rel=\"author\" itemprop=\"author\" class=\"author vcard\"><span class=\"fn\">adminpsib<\/span><\/strong>\n\t\t<time class=\"date published time\" datetime=\"2019-05-13T13:22:21+02:00\" itemprop=\"datePublished\" content=\"2019-05-13T13:22:21+02:00\">13\/05\/2019<\/time>\n\t\t<meta itemprop=\"dateModified\" class=\"date updated\" content=\"2020-01-08T14:47:48+02:00\">\n\t\t<span class=\"hide\" itemprop=\"publisher\" itemscope itemtype=\"https:\/\/schema.org\/Organization\">\n\t\t\t<meta itemprop=\"name\" content=\"SocialistesdMca\">\n\t\t\t<span itemprop=\"logo\" itemscope itemtype=\"https:\/\/schema.org\/ImageObject\">\n\t\t\t\t<meta itemprop=\"url\" content=\"https:\/\/www.psib-psoe.org\/mallorca\/wp-content\/themes\/notio-wp\/assets\/img\/logo.png\">\n\t\t\t<\/span>\n\t\t\t<meta itemprop=\"url\" content=\"https:\/\/www.psib-psoe.org\/mallorca\/\">\n\t\t<\/span>\n\t\t\t\t<span class=\"hide\" itemprop=\"image\" itemscope itemtype=\"http:\/\/schema.org\/ImageObject\">\n\t\t\t<meta itemprop=\"url\" content=\"https:\/\/www.psib-psoe.org\/mallorca\/wp-content\/uploads\/francina-armengol-meritxell-batet-presentacio-candidats-municipals-maig-2019.jpg\">\n\t\t\t<meta itemprop=\"width\" content=\"1000\">\n\t\t\t<meta itemprop=\"height\" content=\"526\">\n\t\t<\/span>\n\t\t\t\t<meta itemscope itemprop=\"mainEntityOfPage\" itemtype=\"https:\/\/schema.org\/WebPage\" itemid=\"https:\/\/www.psib-psoe.org\/mallorca\/meritxell-batet-ara-cal-anar-a-per-totes-el-26-de-maig-per-revalidar-els-resultats-del-28-dabril\/\">\n\t<\/aside>\n\t\t<\/article>\n<\/div>\n<div class=\"small-12 large-4 columns\">\n\t<article itemscope itemtype=\"http:\/\/schema.org\/Article\" class=\"post blog-style7 alt post-23800 type-post status-publish format-standard has-post-thumbnail hentry category-federacio-de-mallorca category-municipis\" role=\"article\">\n\t\t<figure class=\"post-gallery\"><img loading=\"lazy\" decoding=\"async\" width=\"600\" height=\"400\" src=\"https:\/\/www.psib-psoe.org\/mallorca\/wp-content\/uploads\/francina-armengol-presentacio-candidatura-muro-maig-2019-600x400.jpeg\" class=\"attachment-notio-general-x2 size-notio-general-x2 wp-post-image\" alt=\"\" srcset=\"https:\/\/www.psib-psoe.org\/mallorca\/wp-content\/uploads\/francina-armengol-presentacio-candidatura-muro-maig-2019-600x400.jpeg 600w, https:\/\/www.psib-psoe.org\/mallorca\/wp-content\/uploads\/francina-armengol-presentacio-candidatura-muro-maig-2019-300x200.jpeg 300w, https:\/\/www.psib-psoe.org\/mallorca\/wp-content\/uploads\/francina-armengol-presentacio-candidatura-muro-maig-2019-20x13.jpeg 20w, https:\/\/www.psib-psoe.org\/mallorca\/wp-content\/uploads\/francina-armengol-presentacio-candidatura-muro-maig-2019-900x600.jpeg 900w\" sizes=\"(max-width: 600px) 100vw, 600px\" \/><\/figure>\n\t\t<div class=\"blog-top\">\n\t\t\t<header class=\"post-title entry-header\">\n\t\t\t\t<aside class=\"post-meta cf\">\n\t\t12\/05\/2019 \/ <a href=\"https:\/\/www.psib-psoe.org\/mallorca\/category\/federacio-de-mallorca\/\" rel=\"category tag\">Federaci\u00f3 de Mallorca<\/a>, <a href=\"https:\/\/www.psib-psoe.org\/mallorca\/category\/municipis\/\" rel=\"category tag\">Municipis<\/a><\/aside>\n\t\t\t\t<h3 itemprop=\"headline\"><a href=\"https:\/\/www.psib-psoe.org\/mallorca\/francina-armengol-el-26-de-maig-es-una-segona-volta-en-la-qual-ens-jugam-seguir-avancant-en-educacio-sanitat-serveis-socials-i-habitatge-digne\/\" title=\"Francina Armengol: \u201cEl 26 de maig \u00e9s una segona volta en la qual ens jugam seguir avan\u00e7ant en educaci\u00f3, sanitat, serveis socials i habitatge digne\u201d\">Francina Armengol: \u201cEl 26 de maig \u00e9s una segona volta en la qual ens jugam seguir avan\u00e7ant en educaci\u00f3, sanitat, serveis socials i habitatge digne\u201d<\/a><\/h3>\n\t\t\t<\/header>\n\t\t<\/div>\n\t\t<div class=\"post-content\">\n\t\t\t<a href=\"https:\/\/www.psib-psoe.org\/mallorca\/francina-armengol-el-26-de-maig-es-una-segona-volta-en-la-qual-ens-jugam-seguir-avancant-en-educacio-sanitat-serveis-socials-i-habitatge-digne\/\" class=\"more-link\">Read More<\/a>\n\t\t<\/div>\n\t\t\t<aside class=\"post-bottom-meta hide\">\n\t\t<strong rel=\"author\" itemprop=\"author\" class=\"author vcard\"><span class=\"fn\">adminpsib<\/span><\/strong>\n\t\t<time class=\"date published time\" datetime=\"2019-05-12T13:33:58+02:00\" itemprop=\"datePublished\" content=\"2019-05-12T13:33:58+02:00\">12\/05\/2019<\/time>\n\t\t<meta itemprop=\"dateModified\" class=\"date updated\" content=\"2019-12-05T13:05:10+02:00\">\n\t\t<span class=\"hide\" itemprop=\"publisher\" itemscope itemtype=\"https:\/\/schema.org\/Organization\">\n\t\t\t<meta itemprop=\"name\" content=\"SocialistesdMca\">\n\t\t\t<span itemprop=\"logo\" itemscope itemtype=\"https:\/\/schema.org\/ImageObject\">\n\t\t\t\t<meta itemprop=\"url\" content=\"https:\/\/www.psib-psoe.org\/mallorca\/wp-content\/themes\/notio-wp\/assets\/img\/logo.png\">\n\t\t\t<\/span>\n\t\t\t<meta itemprop=\"url\" content=\"https:\/\/www.psib-psoe.org\/mallorca\/\">\n\t\t<\/span>\n\t\t\t\t<span class=\"hide\" itemprop=\"image\" itemscope itemtype=\"http:\/\/schema.org\/ImageObject\">\n\t\t\t<meta itemprop=\"url\" content=\"https:\/\/www.psib-psoe.org\/mallorca\/wp-content\/uploads\/francina-armengol-presentacio-candidatura-muro-maig-2019.jpeg\">\n\t\t\t<meta itemprop=\"width\" content=\"1000\">\n\t\t\t<meta itemprop=\"height\" content=\"640\">\n\t\t<\/span>\n\t\t\t\t<meta itemscope itemprop=\"mainEntityOfPage\" itemtype=\"https:\/\/schema.org\/WebPage\" itemid=\"https:\/\/www.psib-psoe.org\/mallorca\/francina-armengol-el-26-de-maig-es-una-segona-volta-en-la-qual-ens-jugam-seguir-avancant-en-educacio-sanitat-serveis-socials-i-habitatge-digne\/\">\n\t<\/aside>\n\t\t<\/article>\n<\/div>\n<div class=\"small-12 large-4 columns\">\n\t<article itemscope itemtype=\"http:\/\/schema.org\/Article\" class=\"post blog-style7 alt post-23803 type-post status-publish format-standard has-post-thumbnail hentry category-federacio-de-mallorca category-municipis\" role=\"article\">\n\t\t<figure class=\"post-gallery\"><img loading=\"lazy\" decoding=\"async\" width=\"600\" height=\"400\" src=\"https:\/\/www.psib-psoe.org\/mallorca\/wp-content\/uploads\/francina-armengol-presentacio-candidatura-binissalem-maig-2019-600x400.jpeg\" class=\"attachment-notio-general-x2 size-notio-general-x2 wp-post-image\" alt=\"\" srcset=\"https:\/\/www.psib-psoe.org\/mallorca\/wp-content\/uploads\/francina-armengol-presentacio-candidatura-binissalem-maig-2019-600x400.jpeg 600w, https:\/\/www.psib-psoe.org\/mallorca\/wp-content\/uploads\/francina-armengol-presentacio-candidatura-binissalem-maig-2019-300x200.jpeg 300w, https:\/\/www.psib-psoe.org\/mallorca\/wp-content\/uploads\/francina-armengol-presentacio-candidatura-binissalem-maig-2019-900x600.jpeg 900w, https:\/\/www.psib-psoe.org\/mallorca\/wp-content\/uploads\/francina-armengol-presentacio-candidatura-binissalem-maig-2019-20x13.jpeg 20w\" sizes=\"(max-width: 600px) 100vw, 600px\" \/><\/figure>\n\t\t<div class=\"blog-top\">\n\t\t\t<header class=\"post-title entry-header\">\n\t\t\t\t<aside class=\"post-meta cf\">\n\t\t06\/05\/2019 \/ <a href=\"https:\/\/www.psib-psoe.org\/mallorca\/category\/federacio-de-mallorca\/\" rel=\"category tag\">Federaci\u00f3 de Mallorca<\/a>, <a href=\"https:\/\/www.psib-psoe.org\/mallorca\/category\/municipis\/\" rel=\"category tag\">Municipis<\/a><\/aside>\n\t\t\t\t<h3 itemprop=\"headline\"><a href=\"https:\/\/www.psib-psoe.org\/mallorca\/francina-armengol-si-les-dretes-sumen-governaran-per-aixo-el-26-de-maig-hem-de-votar-amb-la-mateixa-forca-i-illusio-que-el-28-dabril\/\" title=\"Francina Armengol: \u201cSi les dretes sumen, governaran, per aix\u00f2 el 26 de maig hem de votar amb la mateixa for\u00e7a i il\u00b7lusi\u00f3 que el 28 d\u2019abril\u201d\">Francina Armengol: \u201cSi les dretes sumen, governaran, per aix\u00f2 el 26 de maig hem de votar amb la mateixa for\u00e7a i il\u00b7lusi\u00f3 que el 28 d\u2019abril\u201d<\/a><\/h3>\n\t\t\t<\/header>\n\t\t<\/div>\n\t\t<div class=\"post-content\">\n\t\t\t<a href=\"https:\/\/www.psib-psoe.org\/mallorca\/francina-armengol-si-les-dretes-sumen-governaran-per-aixo-el-26-de-maig-hem-de-votar-amb-la-mateixa-forca-i-illusio-que-el-28-dabril\/\" class=\"more-link\">Read More<\/a>\n\t\t<\/div>\n\t\t\t<aside class=\"post-bottom-meta hide\">\n\t\t<strong rel=\"author\" itemprop=\"author\" class=\"author vcard\"><span class=\"fn\">adminpsib<\/span><\/strong>\n\t\t<time class=\"date published time\" datetime=\"2019-05-06T13:42:37+02:00\" itemprop=\"datePublished\" content=\"2019-05-06T13:42:37+02:00\">06\/05\/2019<\/time>\n\t\t<meta itemprop=\"dateModified\" class=\"date updated\" content=\"2019-12-05T13:05:23+02:00\">\n\t\t<span class=\"hide\" itemprop=\"publisher\" itemscope itemtype=\"https:\/\/schema.org\/Organization\">\n\t\t\t<meta itemprop=\"name\" content=\"SocialistesdMca\">\n\t\t\t<span itemprop=\"logo\" itemscope itemtype=\"https:\/\/schema.org\/ImageObject\">\n\t\t\t\t<meta itemprop=\"url\" content=\"https:\/\/www.psib-psoe.org\/mallorca\/wp-content\/themes\/notio-wp\/assets\/img\/logo.png\">\n\t\t\t<\/span>\n\t\t\t<meta itemprop=\"url\" content=\"https:\/\/www.psib-psoe.org\/mallorca\/\">\n\t\t<\/span>\n\t\t\t\t<span class=\"hide\" itemprop=\"image\" itemscope itemtype=\"http:\/\/schema.org\/ImageObject\">\n\t\t\t<meta itemprop=\"url\" content=\"https:\/\/www.psib-psoe.org\/mallorca\/wp-content\/uploads\/francina-armengol-presentacio-candidatura-binissalem-maig-2019.jpeg\">\n\t\t\t<meta itemprop=\"width\" content=\"1000\">\n\t\t\t<meta itemprop=\"height\" content=\"750\">\n\t\t<\/span>\n\t\t\t\t<meta itemscope itemprop=\"mainEntityOfPage\" itemtype=\"https:\/\/schema.org\/WebPage\" itemid=\"https:\/\/www.psib-psoe.org\/mallorca\/francina-armengol-si-les-dretes-sumen-governaran-per-aixo-el-26-de-maig-hem-de-votar-amb-la-mateixa-forca-i-illusio-que-el-28-dabril\/\">\n\t<\/aside>\n\t\t<\/article>\n<\/div>\n<div class=\"small-12 large-4 columns\">\n\t<article itemscope itemtype=\"http:\/\/schema.org\/Article\" class=\"post blog-style7 alt post-23806 type-post status-publish format-standard has-post-thumbnail hentry category-federacio-de-mallorca category-municipis\" role=\"article\">\n\t\t<figure class=\"post-gallery\"><img loading=\"lazy\" decoding=\"async\" width=\"600\" height=\"400\" src=\"https:\/\/www.psib-psoe.org\/mallorca\/wp-content\/uploads\/catalina-cladera-presentacio-programa-electoral-mallorca-eleccions-2019-1-600x400.jpeg\" class=\"attachment-notio-general-x2 size-notio-general-x2 wp-post-image\" alt=\"\" srcset=\"https:\/\/www.psib-psoe.org\/mallorca\/wp-content\/uploads\/catalina-cladera-presentacio-programa-electoral-mallorca-eleccions-2019-1-600x400.jpeg 600w, https:\/\/www.psib-psoe.org\/mallorca\/wp-content\/uploads\/catalina-cladera-presentacio-programa-electoral-mallorca-eleccions-2019-1-300x200.jpeg 300w, https:\/\/www.psib-psoe.org\/mallorca\/wp-content\/uploads\/catalina-cladera-presentacio-programa-electoral-mallorca-eleccions-2019-1-900x600.jpeg 900w, https:\/\/www.psib-psoe.org\/mallorca\/wp-content\/uploads\/catalina-cladera-presentacio-programa-electoral-mallorca-eleccions-2019-1-20x13.jpeg 20w\" sizes=\"(max-width: 600px) 100vw, 600px\" \/><\/figure>\n\t\t<div class=\"blog-top\">\n\t\t\t<header class=\"post-title entry-header\">\n\t\t\t\t<aside class=\"post-meta cf\">\n\t\t06\/05\/2019 \/ <a href=\"https:\/\/www.psib-psoe.org\/mallorca\/category\/federacio-de-mallorca\/\" rel=\"category tag\">Federaci\u00f3 de Mallorca<\/a>, <a href=\"https:\/\/www.psib-psoe.org\/mallorca\/category\/municipis\/\" rel=\"category tag\">Municipis<\/a><\/aside>\n\t\t\t\t<h3 itemprop=\"headline\"><a href=\"https:\/\/www.psib-psoe.org\/mallorca\/catalina-cladera-presenta-els-1404-compromisos-per-al-consell-de-mallorca-amb-un-programa-valent-i-sobretot-realista-per-poder-anar-sempre-endavant\/\" title=\"Catalina Cladera presenta els 140+4 compromisos per al Consell de Mallorca amb un programa \u201cvalent i, sobretot, realista per poder anar sempre endavant\u201d\">Catalina Cladera presenta els 140+4 compromisos per al Consell de Mallorca amb un programa \u201cvalent i, sobretot, realista per poder anar sempre endavant\u201d<\/a><\/h3>\n\t\t\t<\/header>\n\t\t<\/div>\n\t\t<div class=\"post-content\">\n\t\t\t<a href=\"https:\/\/www.psib-psoe.org\/mallorca\/catalina-cladera-presenta-els-1404-compromisos-per-al-consell-de-mallorca-amb-un-programa-valent-i-sobretot-realista-per-poder-anar-sempre-endavant\/\" class=\"more-link\">Read More<\/a>\n\t\t<\/div>\n\t\t\t<aside class=\"post-bottom-meta hide\">\n\t\t<strong rel=\"author\" itemprop=\"author\" class=\"author vcard\"><span class=\"fn\">adminpsib<\/span><\/strong>\n\t\t<time class=\"date published time\" datetime=\"2019-05-06T13:36:54+02:00\" itemprop=\"datePublished\" content=\"2019-05-06T13:36:54+02:00\">06\/05\/2019<\/time>\n\t\t<meta itemprop=\"dateModified\" class=\"date updated\" content=\"2019-12-05T13:06:10+02:00\">\n\t\t<span class=\"hide\" itemprop=\"publisher\" itemscope itemtype=\"https:\/\/schema.org\/Organization\">\n\t\t\t<meta itemprop=\"name\" content=\"SocialistesdMca\">\n\t\t\t<span itemprop=\"logo\" itemscope itemtype=\"https:\/\/schema.org\/ImageObject\">\n\t\t\t\t<meta itemprop=\"url\" content=\"https:\/\/www.psib-psoe.org\/mallorca\/wp-content\/themes\/notio-wp\/assets\/img\/logo.png\">\n\t\t\t<\/span>\n\t\t\t<meta itemprop=\"url\" content=\"https:\/\/www.psib-psoe.org\/mallorca\/\">\n\t\t<\/span>\n\t\t\t\t<span class=\"hide\" itemprop=\"image\" itemscope itemtype=\"http:\/\/schema.org\/ImageObject\">\n\t\t\t<meta itemprop=\"url\" content=\"https:\/\/www.psib-psoe.org\/mallorca\/wp-content\/uploads\/catalina-cladera-presentacio-programa-electoral-mallorca-eleccions-2019-1.jpeg\">\n\t\t\t<meta itemprop=\"width\" content=\"1000\">\n\t\t\t<meta itemprop=\"height\" content=\"750\">\n\t\t<\/span>\n\t\t\t\t<meta itemscope itemprop=\"mainEntityOfPage\" itemtype=\"https:\/\/schema.org\/WebPage\" itemid=\"https:\/\/www.psib-psoe.org\/mallorca\/catalina-cladera-presenta-els-1404-compromisos-per-al-consell-de-mallorca-amb-un-programa-valent-i-sobretot-realista-per-poder-anar-sempre-endavant\/\">\n\t<\/aside>\n\t\t<\/article>\n<\/div>\n<div class=\"small-12 large-4 columns\">\n\t<article itemscope itemtype=\"http:\/\/schema.org\/Article\" class=\"post blog-style7 alt post-23809 type-post status-publish format-standard has-post-thumbnail hentry category-federacio-de-mallorca category-municipis\" role=\"article\">\n\t\t<figure class=\"post-gallery\"><img loading=\"lazy\" decoding=\"async\" width=\"600\" height=\"400\" src=\"https:\/\/www.psib-psoe.org\/mallorca\/wp-content\/uploads\/francina-armengol-presentacio-candidatura-montuiri-maig-2019-600x400.jpeg\" class=\"attachment-notio-general-x2 size-notio-general-x2 wp-post-image\" alt=\"\" srcset=\"https:\/\/www.psib-psoe.org\/mallorca\/wp-content\/uploads\/francina-armengol-presentacio-candidatura-montuiri-maig-2019-600x400.jpeg 600w, https:\/\/www.psib-psoe.org\/mallorca\/wp-content\/uploads\/francina-armengol-presentacio-candidatura-montuiri-maig-2019-300x200.jpeg 300w, https:\/\/www.psib-psoe.org\/mallorca\/wp-content\/uploads\/francina-armengol-presentacio-candidatura-montuiri-maig-2019-900x600.jpeg 900w, https:\/\/www.psib-psoe.org\/mallorca\/wp-content\/uploads\/francina-armengol-presentacio-candidatura-montuiri-maig-2019-20x13.jpeg 20w\" sizes=\"(max-width: 600px) 100vw, 600px\" \/><\/figure>\n\t\t<div class=\"blog-top\">\n\t\t\t<header class=\"post-title entry-header\">\n\t\t\t\t<aside class=\"post-meta cf\">\n\t\t05\/05\/2019 \/ <a href=\"https:\/\/www.psib-psoe.org\/mallorca\/category\/federacio-de-mallorca\/\" rel=\"category tag\">Federaci\u00f3 de Mallorca<\/a>, <a href=\"https:\/\/www.psib-psoe.org\/mallorca\/category\/municipis\/\" rel=\"category tag\">Municipis<\/a><\/aside>\n\t\t\t\t<h3 itemprop=\"headline\"><a href=\"https:\/\/www.psib-psoe.org\/mallorca\/francina-armengol-demana-a-montuiri-que-tothom-vagi-a-votar-el-26-de-maig-per-fer-realitat-el-gran-somni-de-seguir-transformant-les-illes-balears\/\" title=\"Francina Armengol demana a Montu\u00efri que tothom vagi a votar el 26 de maig per fer realitat \u201cel gran somni\u201d de seguir transformant les Illes Balears\">Francina Armengol demana a Montu\u00efri que tothom vagi a votar el 26 de maig per fer realitat \u201cel gran somni\u201d de seguir transformant les Illes Balears<\/a><\/h3>\n\t\t\t<\/header>\n\t\t<\/div>\n\t\t<div class=\"post-content\">\n\t\t\t<a href=\"https:\/\/www.psib-psoe.org\/mallorca\/francina-armengol-demana-a-montuiri-que-tothom-vagi-a-votar-el-26-de-maig-per-fer-realitat-el-gran-somni-de-seguir-transformant-les-illes-balears\/\" class=\"more-link\">Read More<\/a>\n\t\t<\/div>\n\t\t\t<aside class=\"post-bottom-meta hide\">\n\t\t<strong rel=\"author\" itemprop=\"author\" class=\"author vcard\"><span class=\"fn\">adminpsib<\/span><\/strong>\n\t\t<time class=\"date published time\" datetime=\"2019-05-05T13:47:35+02:00\" itemprop=\"datePublished\" content=\"2019-05-05T13:47:35+02:00\">05\/05\/2019<\/time>\n\t\t<meta itemprop=\"dateModified\" class=\"date updated\" content=\"2019-12-05T13:10:11+02:00\">\n\t\t<span class=\"hide\" itemprop=\"publisher\" itemscope itemtype=\"https:\/\/schema.org\/Organization\">\n\t\t\t<meta itemprop=\"name\" content=\"SocialistesdMca\">\n\t\t\t<span itemprop=\"logo\" itemscope itemtype=\"https:\/\/schema.org\/ImageObject\">\n\t\t\t\t<meta itemprop=\"url\" content=\"https:\/\/www.psib-psoe.org\/mallorca\/wp-content\/themes\/notio-wp\/assets\/img\/logo.png\">\n\t\t\t<\/span>\n\t\t\t<meta itemprop=\"url\" content=\"https:\/\/www.psib-psoe.org\/mallorca\/\">\n\t\t<\/span>\n\t\t\t\t<span class=\"hide\" itemprop=\"image\" itemscope itemtype=\"http:\/\/schema.org\/ImageObject\">\n\t\t\t<meta itemprop=\"url\" content=\"https:\/\/www.psib-psoe.org\/mallorca\/wp-content\/uploads\/francina-armengol-presentacio-candidatura-montuiri-maig-2019.jpeg\">\n\t\t\t<meta itemprop=\"width\" content=\"1000\">\n\t\t\t<meta itemprop=\"height\" content=\"750\">\n\t\t<\/span>\n\t\t\t\t<meta itemscope itemprop=\"mainEntityOfPage\" itemtype=\"https:\/\/schema.org\/WebPage\" itemid=\"https:\/\/www.psib-psoe.org\/mallorca\/francina-armengol-demana-a-montuiri-que-tothom-vagi-a-votar-el-26-de-maig-per-fer-realitat-el-gran-somni-de-seguir-transformant-les-illes-balears\/\">\n\t<\/aside>\n\t\t<\/article>\n<\/div>\n<div class=\"small-12 large-4 columns\">\n\t<article itemscope itemtype=\"http:\/\/schema.org\/Article\" class=\"post blog-style7 alt post-24479 type-post status-publish format-standard has-post-thumbnail hentry category-federacio-de-mallorca\" role=\"article\">\n\t\t<figure class=\"post-gallery\"><img loading=\"lazy\" decoding=\"async\" width=\"600\" height=\"400\" src=\"https:\/\/www.psib-psoe.org\/mallorca\/wp-content\/uploads\/190503_Credencials-600x400.jpg\" class=\"attachment-notio-general-x2 size-notio-general-x2 wp-post-image\" alt=\"\" srcset=\"https:\/\/www.psib-psoe.org\/mallorca\/wp-content\/uploads\/190503_Credencials-600x400.jpg 600w, https:\/\/www.psib-psoe.org\/mallorca\/wp-content\/uploads\/190503_Credencials-300x200.jpg 300w, https:\/\/www.psib-psoe.org\/mallorca\/wp-content\/uploads\/190503_Credencials-900x600.jpg 900w, https:\/\/www.psib-psoe.org\/mallorca\/wp-content\/uploads\/190503_Credencials-20x13.jpg 20w\" sizes=\"(max-width: 600px) 100vw, 600px\" \/><\/figure>\n\t\t<div class=\"blog-top\">\n\t\t\t<header class=\"post-title entry-header\">\n\t\t\t\t<aside class=\"post-meta cf\">\n\t\t03\/05\/2019 \/ <a href=\"https:\/\/www.psib-psoe.org\/mallorca\/category\/federacio-de-mallorca\/\" rel=\"category tag\">Federaci\u00f3 de Mallorca<\/a><\/aside>\n\t\t\t\t<h3 itemprop=\"headline\"><a href=\"https:\/\/www.psib-psoe.org\/mallorca\/els-set-parlamentaris-electes-del-psib-psoe-reben-les-seves-credencials-de-diputats-i-senadors\/\" title=\"Els set parlamentaris electes del PSIB-PSOE reben les seves credencials de diputats i senadors\">Els set parlamentaris electes del PSIB-PSOE reben les seves credencials de diputats i senadors<\/a><\/h3>\n\t\t\t<\/header>\n\t\t<\/div>\n\t\t<div class=\"post-content\">\n\t\t\t<a href=\"https:\/\/www.psib-psoe.org\/mallorca\/els-set-parlamentaris-electes-del-psib-psoe-reben-les-seves-credencials-de-diputats-i-senadors\/\" class=\"more-link\">Read More<\/a>\n\t\t<\/div>\n\t\t\t<aside class=\"post-bottom-meta hide\">\n\t\t<strong rel=\"author\" itemprop=\"author\" class=\"author vcard\"><span class=\"fn\">adminpsib<\/span><\/strong>\n\t\t<time class=\"date published time\" datetime=\"2019-05-03T12:00:18+02:00\" itemprop=\"datePublished\" content=\"2019-05-03T12:00:18+02:00\">03\/05\/2019<\/time>\n\t\t<meta itemprop=\"dateModified\" class=\"date updated\" content=\"2020-01-08T14:48:21+02:00\">\n\t\t<span class=\"hide\" itemprop=\"publisher\" itemscope itemtype=\"https:\/\/schema.org\/Organization\">\n\t\t\t<meta itemprop=\"name\" content=\"SocialistesdMca\">\n\t\t\t<span itemprop=\"logo\" itemscope itemtype=\"https:\/\/schema.org\/ImageObject\">\n\t\t\t\t<meta itemprop=\"url\" content=\"https:\/\/www.psib-psoe.org\/mallorca\/wp-content\/themes\/notio-wp\/assets\/img\/logo.png\">\n\t\t\t<\/span>\n\t\t\t<meta itemprop=\"url\" content=\"https:\/\/www.psib-psoe.org\/mallorca\/\">\n\t\t<\/span>\n\t\t\t\t<span class=\"hide\" itemprop=\"image\" itemscope itemtype=\"http:\/\/schema.org\/ImageObject\">\n\t\t\t<meta itemprop=\"url\" content=\"https:\/\/www.psib-psoe.org\/mallorca\/wp-content\/uploads\/190503_Credencials.jpg\">\n\t\t\t<meta itemprop=\"width\" content=\"1000\">\n\t\t\t<meta itemprop=\"height\" content=\"750\">\n\t\t<\/span>\n\t\t\t\t<meta itemscope itemprop=\"mainEntityOfPage\" itemtype=\"https:\/\/schema.org\/WebPage\" itemid=\"https:\/\/www.psib-psoe.org\/mallorca\/els-set-parlamentaris-electes-del-psib-psoe-reben-les-seves-credencials-de-diputats-i-senadors\/\">\n\t<\/aside>\n\t\t<\/article>\n<\/div>\n<div class=\"small-12 large-4 columns\">\n\t<article itemscope itemtype=\"http:\/\/schema.org\/Article\" class=\"post blog-style7 alt post-24470 type-post status-publish format-standard has-post-thumbnail hentry category-federacio-de-mallorca category-municipis\" role=\"article\">\n\t\t<figure class=\"post-gallery\"><img loading=\"lazy\" decoding=\"async\" width=\"600\" height=\"400\" src=\"https:\/\/www.psib-psoe.org\/mallorca\/wp-content\/uploads\/190501_Sencelles-600x400.jpg\" class=\"attachment-notio-general-x2 size-notio-general-x2 wp-post-image\" alt=\"\" srcset=\"https:\/\/www.psib-psoe.org\/mallorca\/wp-content\/uploads\/190501_Sencelles-600x400.jpg 600w, https:\/\/www.psib-psoe.org\/mallorca\/wp-content\/uploads\/190501_Sencelles-300x200.jpg 300w, https:\/\/www.psib-psoe.org\/mallorca\/wp-content\/uploads\/190501_Sencelles-900x600.jpg 900w, https:\/\/www.psib-psoe.org\/mallorca\/wp-content\/uploads\/190501_Sencelles-20x13.jpg 20w\" sizes=\"(max-width: 600px) 100vw, 600px\" \/><\/figure>\n\t\t<div class=\"blog-top\">\n\t\t\t<header class=\"post-title entry-header\">\n\t\t\t\t<aside class=\"post-meta cf\">\n\t\t01\/05\/2019 \/ <a href=\"https:\/\/www.psib-psoe.org\/mallorca\/category\/federacio-de-mallorca\/\" rel=\"category tag\">Federaci\u00f3 de Mallorca<\/a>, <a href=\"https:\/\/www.psib-psoe.org\/mallorca\/category\/municipis\/\" rel=\"category tag\">Municipis<\/a><\/aside>\n\t\t\t\t<h3 itemprop=\"headline\"><a href=\"https:\/\/www.psib-psoe.org\/mallorca\/armengol-demana-repetir-una-gran-mobilitzacio-el-26-de-maig-perque-amb-quatre-anys-de-governs-socialistes-aqui-i-a-madrid-podrem-avancar-moltissim-i-fer-els-nostres-somnis-realitat\/\" title=\"Armengol demana repetir una gran mobilitzaci\u00f3 el 26 de maig \u201cperqu\u00e8 amb quatre anys de governs socialistes aqu\u00ed i a Madrid podrem avan\u00e7ar molt\u00edssim i fer els nostres somnis realitat\u201d\">Armengol demana repetir una gran mobilitzaci\u00f3 el 26 de maig \u201cperqu\u00e8 amb quatre anys de governs socialistes aqu\u00ed i a Madrid podrem avan\u00e7ar molt\u00edssim i fer els nostres somnis realitat\u201d<\/a><\/h3>\n\t\t\t<\/header>\n\t\t<\/div>\n\t\t<div class=\"post-content\">\n\t\t\t<a href=\"https:\/\/www.psib-psoe.org\/mallorca\/armengol-demana-repetir-una-gran-mobilitzacio-el-26-de-maig-perque-amb-quatre-anys-de-governs-socialistes-aqui-i-a-madrid-podrem-avancar-moltissim-i-fer-els-nostres-somnis-realitat\/\" class=\"more-link\">Read More<\/a>\n\t\t<\/div>\n\t\t\t<aside class=\"post-bottom-meta hide\">\n\t\t<strong rel=\"author\" itemprop=\"author\" class=\"author vcard\"><span class=\"fn\">adminpsib<\/span><\/strong>\n\t\t<time class=\"date published time\" datetime=\"2019-05-01T16:25:59+02:00\" itemprop=\"datePublished\" content=\"2019-05-01T16:25:59+02:00\">01\/05\/2019<\/time>\n\t\t<meta itemprop=\"dateModified\" class=\"date updated\" content=\"2020-01-08T14:48:39+02:00\">\n\t\t<span class=\"hide\" itemprop=\"publisher\" itemscope itemtype=\"https:\/\/schema.org\/Organization\">\n\t\t\t<meta itemprop=\"name\" content=\"SocialistesdMca\">\n\t\t\t<span itemprop=\"logo\" itemscope itemtype=\"https:\/\/schema.org\/ImageObject\">\n\t\t\t\t<meta itemprop=\"url\" content=\"https:\/\/www.psib-psoe.org\/mallorca\/wp-content\/themes\/notio-wp\/assets\/img\/logo.png\">\n\t\t\t<\/span>\n\t\t\t<meta itemprop=\"url\" content=\"https:\/\/www.psib-psoe.org\/mallorca\/\">\n\t\t<\/span>\n\t\t\t\t<span class=\"hide\" itemprop=\"image\" itemscope itemtype=\"http:\/\/schema.org\/ImageObject\">\n\t\t\t<meta itemprop=\"url\" content=\"https:\/\/www.psib-psoe.org\/mallorca\/wp-content\/uploads\/190501_Sencelles.jpg\">\n\t\t\t<meta itemprop=\"width\" content=\"1000\">\n\t\t\t<meta itemprop=\"height\" content=\"750\">\n\t\t<\/span>\n\t\t\t\t<meta itemscope itemprop=\"mainEntityOfPage\" itemtype=\"https:\/\/schema.org\/WebPage\" itemid=\"https:\/\/www.psib-psoe.org\/mallorca\/armengol-demana-repetir-una-gran-mobilitzacio-el-26-de-maig-perque-amb-quatre-anys-de-governs-socialistes-aqui-i-a-madrid-podrem-avancar-moltissim-i-fer-els-nostres-somnis-realitat\/\">\n\t<\/aside>\n\t\t<\/article>\n<\/div>\n<div class=\"small-12 large-4 columns\">\n\t<article itemscope itemtype=\"http:\/\/schema.org\/Article\" class=\"post blog-style7 alt post-24482 type-post status-publish format-standard has-post-thumbnail hentry category-federacio-de-mallorca\" role=\"article\">\n\t\t<figure class=\"post-gallery\"><img loading=\"lazy\" decoding=\"async\" width=\"600\" height=\"400\" src=\"https:\/\/www.psib-psoe.org\/mallorca\/wp-content\/uploads\/comissio-executiva-psib-psoe-abril-2019-600x400.jpeg\" class=\"attachment-notio-general-x2 size-notio-general-x2 wp-post-image\" alt=\"\" srcset=\"https:\/\/www.psib-psoe.org\/mallorca\/wp-content\/uploads\/comissio-executiva-psib-psoe-abril-2019-600x400.jpeg 600w, https:\/\/www.psib-psoe.org\/mallorca\/wp-content\/uploads\/comissio-executiva-psib-psoe-abril-2019-300x200.jpeg 300w, https:\/\/www.psib-psoe.org\/mallorca\/wp-content\/uploads\/comissio-executiva-psib-psoe-abril-2019-20x13.jpeg 20w, https:\/\/www.psib-psoe.org\/mallorca\/wp-content\/uploads\/comissio-executiva-psib-psoe-abril-2019-900x600.jpeg 900w\" sizes=\"(max-width: 600px) 100vw, 600px\" \/><\/figure>\n\t\t<div class=\"blog-top\">\n\t\t\t<header class=\"post-title entry-header\">\n\t\t\t\t<aside class=\"post-meta cf\">\n\t\t29\/04\/2019 \/ <a href=\"https:\/\/www.psib-psoe.org\/mallorca\/category\/federacio-de-mallorca\/\" rel=\"category tag\">Federaci\u00f3 de Mallorca<\/a><\/aside>\n\t\t\t\t<h3 itemprop=\"headline\"><a href=\"https:\/\/www.psib-psoe.org\/mallorca\/el-psib-psoe-es-marca-com-a-objectiu-guanyar-les-eleccions-autonomiques-i-locals-despres-de-la-victoria-clara-i-contundent-a-les-generals\/\" title=\"El PSIB-PSOE es marca com a objectiu guanyar les eleccions auton\u00f2miques i locals despr\u00e9s de la vict\u00f2ria \u201cclara i contundent\u201d a les generals\">El PSIB-PSOE es marca com a objectiu guanyar les eleccions auton\u00f2miques i locals despr\u00e9s de la vict\u00f2ria \u201cclara i contundent\u201d a les generals<\/a><\/h3>\n\t\t\t<\/header>\n\t\t<\/div>\n\t\t<div class=\"post-content\">\n\t\t\t<a href=\"https:\/\/www.psib-psoe.org\/mallorca\/el-psib-psoe-es-marca-com-a-objectiu-guanyar-les-eleccions-autonomiques-i-locals-despres-de-la-victoria-clara-i-contundent-a-les-generals\/\" class=\"more-link\">Read More<\/a>\n\t\t<\/div>\n\t\t\t<aside class=\"post-bottom-meta hide\">\n\t\t<strong rel=\"author\" itemprop=\"author\" class=\"author vcard\"><span class=\"fn\">adminpsib<\/span><\/strong>\n\t\t<time class=\"date published time\" datetime=\"2019-04-29T13:27:09+02:00\" itemprop=\"datePublished\" content=\"2019-04-29T13:27:09+02:00\">29\/04\/2019<\/time>\n\t\t<meta itemprop=\"dateModified\" class=\"date updated\" content=\"2020-01-08T14:48:58+02:00\">\n\t\t<span class=\"hide\" itemprop=\"publisher\" itemscope itemtype=\"https:\/\/schema.org\/Organization\">\n\t\t\t<meta itemprop=\"name\" content=\"SocialistesdMca\">\n\t\t\t<span itemprop=\"logo\" itemscope itemtype=\"https:\/\/schema.org\/ImageObject\">\n\t\t\t\t<meta itemprop=\"url\" content=\"https:\/\/www.psib-psoe.org\/mallorca\/wp-content\/themes\/notio-wp\/assets\/img\/logo.png\">\n\t\t\t<\/span>\n\t\t\t<meta itemprop=\"url\" content=\"https:\/\/www.psib-psoe.org\/mallorca\/\">\n\t\t<\/span>\n\t\t\t\t<span class=\"hide\" itemprop=\"image\" itemscope itemtype=\"http:\/\/schema.org\/ImageObject\">\n\t\t\t<meta itemprop=\"url\" content=\"https:\/\/www.psib-psoe.org\/mallorca\/wp-content\/uploads\/comissio-executiva-psib-psoe-abril-2019.jpeg\">\n\t\t\t<meta itemprop=\"width\" content=\"1000\">\n\t\t\t<meta itemprop=\"height\" content=\"644\">\n\t\t<\/span>\n\t\t\t\t<meta itemscope itemprop=\"mainEntityOfPage\" itemtype=\"https:\/\/schema.org\/WebPage\" itemid=\"https:\/\/www.psib-psoe.org\/mallorca\/el-psib-psoe-es-marca-com-a-objectiu-guanyar-les-eleccions-autonomiques-i-locals-despres-de-la-victoria-clara-i-contundent-a-les-generals\/\">\n\t<\/aside>\n\t\t<\/article>\n<\/div>\n<div class=\"small-12 large-4 columns\">\n\t<article itemscope itemtype=\"http:\/\/schema.org\/Article\" class=\"post blog-style7 alt post-23844 type-post status-publish format-standard has-post-thumbnail hentry category-federacio-de-mallorca category-municipis\" role=\"article\">\n\t\t<figure class=\"post-gallery\"><img loading=\"lazy\" decoding=\"async\" width=\"600\" height=\"400\" src=\"https:\/\/www.psib-psoe.org\/mallorca\/wp-content\/uploads\/bonet-cladera-colonia-sant-jordi-600x400.jpg\" class=\"attachment-notio-general-x2 size-notio-general-x2 wp-post-image\" alt=\"\" srcset=\"https:\/\/www.psib-psoe.org\/mallorca\/wp-content\/uploads\/bonet-cladera-colonia-sant-jordi-600x400.jpg 600w, https:\/\/www.psib-psoe.org\/mallorca\/wp-content\/uploads\/bonet-cladera-colonia-sant-jordi-300x200.jpg 300w, https:\/\/www.psib-psoe.org\/mallorca\/wp-content\/uploads\/bonet-cladera-colonia-sant-jordi-900x600.jpg 900w, https:\/\/www.psib-psoe.org\/mallorca\/wp-content\/uploads\/bonet-cladera-colonia-sant-jordi-20x13.jpg 20w\" sizes=\"(max-width: 600px) 100vw, 600px\" \/><\/figure>\n\t\t<div class=\"blog-top\">\n\t\t\t<header class=\"post-title entry-header\">\n\t\t\t\t<aside class=\"post-meta cf\">\n\t\t27\/04\/2019 \/ <a href=\"https:\/\/www.psib-psoe.org\/mallorca\/category\/federacio-de-mallorca\/\" rel=\"category tag\">Federaci\u00f3 de Mallorca<\/a>, <a href=\"https:\/\/www.psib-psoe.org\/mallorca\/category\/municipis\/\" rel=\"category tag\">Municipis<\/a><\/aside>\n\t\t\t\t<h3 itemprop=\"headline\"><a href=\"https:\/\/www.psib-psoe.org\/mallorca\/bonet-posa-lampliacio-del-parc-nacional-de-cabrera-com-a-exemple-del-compromis-amb-lentorn-que-nomes-es-protegeix-quan-governam-els-socialistes\/\" title=\"Bonet posa l\u2019ampliaci\u00f3 del Parc Nacional de Cabrera com a exemple \u201cdel comprom\u00eds amb l\u2019entorn, que nom\u00e9s es protegeix quan governam els socialistes\u201d\">Bonet posa l\u2019ampliaci\u00f3 del Parc Nacional de Cabrera com a exemple \u201cdel comprom\u00eds amb l\u2019entorn, que nom\u00e9s es protegeix quan governam els socialistes\u201d<\/a><\/h3>\n\t\t\t<\/header>\n\t\t<\/div>\n\t\t<div class=\"post-content\">\n\t\t\t<a href=\"https:\/\/www.psib-psoe.org\/mallorca\/bonet-posa-lampliacio-del-parc-nacional-de-cabrera-com-a-exemple-del-compromis-amb-lentorn-que-nomes-es-protegeix-quan-governam-els-socialistes\/\" class=\"more-link\">Read More<\/a>\n\t\t<\/div>\n\t\t\t<aside class=\"post-bottom-meta hide\">\n\t\t<strong rel=\"author\" itemprop=\"author\" class=\"author vcard\"><span class=\"fn\">adminpsib<\/span><\/strong>\n\t\t<time class=\"date published time\" datetime=\"2019-04-27T11:47:55+02:00\" itemprop=\"datePublished\" content=\"2019-04-27T11:47:55+02:00\">27\/04\/2019<\/time>\n\t\t<meta itemprop=\"dateModified\" class=\"date updated\" content=\"2019-12-05T13:37:46+02:00\">\n\t\t<span class=\"hide\" itemprop=\"publisher\" itemscope itemtype=\"https:\/\/schema.org\/Organization\">\n\t\t\t<meta itemprop=\"name\" content=\"SocialistesdMca\">\n\t\t\t<span itemprop=\"logo\" itemscope itemtype=\"https:\/\/schema.org\/ImageObject\">\n\t\t\t\t<meta itemprop=\"url\" content=\"https:\/\/www.psib-psoe.org\/mallorca\/wp-content\/themes\/notio-wp\/assets\/img\/logo.png\">\n\t\t\t<\/span>\n\t\t\t<meta itemprop=\"url\" content=\"https:\/\/www.psib-psoe.org\/mallorca\/\">\n\t\t<\/span>\n\t\t\t\t<span class=\"hide\" itemprop=\"image\" itemscope itemtype=\"http:\/\/schema.org\/ImageObject\">\n\t\t\t<meta itemprop=\"url\" content=\"https:\/\/www.psib-psoe.org\/mallorca\/wp-content\/uploads\/bonet-cladera-colonia-sant-jordi.jpg\">\n\t\t\t<meta itemprop=\"width\" content=\"1000\">\n\t\t\t<meta itemprop=\"height\" content=\"750\">\n\t\t<\/span>\n\t\t\t\t<meta itemscope itemprop=\"mainEntityOfPage\" itemtype=\"https:\/\/schema.org\/WebPage\" itemid=\"https:\/\/www.psib-psoe.org\/mallorca\/bonet-posa-lampliacio-del-parc-nacional-de-cabrera-com-a-exemple-del-compromis-amb-lentorn-que-nomes-es-protegeix-quan-governam-els-socialistes\/\">\n\t<\/aside>\n\t\t<\/article>\n<\/div>\n<div class=\"small-12 large-4 columns\">\n\t<article itemscope itemtype=\"http:\/\/schema.org\/Article\" class=\"post blog-style7 alt post-23815 type-post status-publish format-standard has-post-thumbnail hentry category-federacio-de-mallorca category-municipis\" role=\"article\">\n\t\t<figure class=\"post-gallery\"><img loading=\"lazy\" decoding=\"async\" width=\"600\" height=\"400\" src=\"https:\/\/www.psib-psoe.org\/mallorca\/wp-content\/uploads\/francina-armengol-presentacio-candidatura-andratx-abril-2019-600x400.jpeg\" class=\"attachment-notio-general-x2 size-notio-general-x2 wp-post-image\" alt=\"\" srcset=\"https:\/\/www.psib-psoe.org\/mallorca\/wp-content\/uploads\/francina-armengol-presentacio-candidatura-andratx-abril-2019-600x400.jpeg 600w, https:\/\/www.psib-psoe.org\/mallorca\/wp-content\/uploads\/francina-armengol-presentacio-candidatura-andratx-abril-2019-300x200.jpeg 300w, https:\/\/www.psib-psoe.org\/mallorca\/wp-content\/uploads\/francina-armengol-presentacio-candidatura-andratx-abril-2019-900x600.jpeg 900w, https:\/\/www.psib-psoe.org\/mallorca\/wp-content\/uploads\/francina-armengol-presentacio-candidatura-andratx-abril-2019-20x13.jpeg 20w\" sizes=\"(max-width: 600px) 100vw, 600px\" \/><\/figure>\n\t\t<div class=\"blog-top\">\n\t\t\t<header class=\"post-title entry-header\">\n\t\t\t\t<aside class=\"post-meta cf\">\n\t\t26\/04\/2019 \/ <a href=\"https:\/\/www.psib-psoe.org\/mallorca\/category\/federacio-de-mallorca\/\" rel=\"category tag\">Federaci\u00f3 de Mallorca<\/a>, <a href=\"https:\/\/www.psib-psoe.org\/mallorca\/category\/municipis\/\" rel=\"category tag\">Municipis<\/a><\/aside>\n\t\t\t\t<h3 itemprop=\"headline\"><a href=\"https:\/\/www.psib-psoe.org\/mallorca\/francina-armengol-deman-el-vot-compromes-i-amb-passio-des-del-cor-i-la-rao-que-fara-possible-que-els-nostres-fills-i-nets-visquin-millor\/\" title=\"Francina Armengol: \u201cDeman el vot comprom\u00e8s i amb passi\u00f3, des del cor i la ra\u00f3, que far\u00e0 possible que els nostres fills i n\u00e9ts visquin millor\u201d\">Francina Armengol: \u201cDeman el vot comprom\u00e8s i amb passi\u00f3, des del cor i la ra\u00f3, que far\u00e0 possible que els nostres fills i n\u00e9ts visquin millor\u201d<\/a><\/h3>\n\t\t\t<\/header>\n\t\t<\/div>\n\t\t<div class=\"post-content\">\n\t\t\t<a href=\"https:\/\/www.psib-psoe.org\/mallorca\/francina-armengol-deman-el-vot-compromes-i-amb-passio-des-del-cor-i-la-rao-que-fara-possible-que-els-nostres-fills-i-nets-visquin-millor\/\" class=\"more-link\">Read More<\/a>\n\t\t<\/div>\n\t\t\t<aside class=\"post-bottom-meta hide\">\n\t\t<strong rel=\"author\" itemprop=\"author\" class=\"author vcard\"><span class=\"fn\">adminpsib<\/span><\/strong>\n\t\t<time class=\"date published time\" datetime=\"2019-04-26T12:43:09+02:00\" itemprop=\"datePublished\" content=\"2019-04-26T12:43:09+02:00\">26\/04\/2019<\/time>\n\t\t<meta itemprop=\"dateModified\" class=\"date updated\" content=\"2020-01-08T14:49:40+02:00\">\n\t\t<span class=\"hide\" itemprop=\"publisher\" itemscope itemtype=\"https:\/\/schema.org\/Organization\">\n\t\t\t<meta itemprop=\"name\" content=\"SocialistesdMca\">\n\t\t\t<span itemprop=\"logo\" itemscope itemtype=\"https:\/\/schema.org\/ImageObject\">\n\t\t\t\t<meta itemprop=\"url\" content=\"https:\/\/www.psib-psoe.org\/mallorca\/wp-content\/themes\/notio-wp\/assets\/img\/logo.png\">\n\t\t\t<\/span>\n\t\t\t<meta itemprop=\"url\" content=\"https:\/\/www.psib-psoe.org\/mallorca\/\">\n\t\t<\/span>\n\t\t\t\t<span class=\"hide\" itemprop=\"image\" itemscope itemtype=\"http:\/\/schema.org\/ImageObject\">\n\t\t\t<meta itemprop=\"url\" content=\"https:\/\/www.psib-psoe.org\/mallorca\/wp-content\/uploads\/francina-armengol-presentacio-candidatura-andratx-abril-2019.jpeg\">\n\t\t\t<meta itemprop=\"width\" content=\"1000\">\n\t\t\t<meta itemprop=\"height\" content=\"750\">\n\t\t<\/span>\n\t\t\t\t<meta itemscope itemprop=\"mainEntityOfPage\" itemtype=\"https:\/\/schema.org\/WebPage\" itemid=\"https:\/\/www.psib-psoe.org\/mallorca\/francina-armengol-deman-el-vot-compromes-i-amb-passio-des-del-cor-i-la-rao-que-fara-possible-que-els-nostres-fills-i-nets-visquin-millor\/\">\n\t<\/aside>\n\t\t<\/article>\n<\/div>\n<div class=\"small-12 large-4 columns\">\n\t<article itemscope itemtype=\"http:\/\/schema.org\/Article\" class=\"post blog-style7 alt post-24473 type-post status-publish format-standard has-post-thumbnail hentry category-federacio-de-mallorca category-municipis\" role=\"article\">\n\t\t<figure class=\"post-gallery\"><img loading=\"lazy\" decoding=\"async\" width=\"600\" height=\"400\" src=\"https:\/\/www.psib-psoe.org\/mallorca\/wp-content\/uploads\/cosme-bonet-jose-hila-tancament-campanya-generals-abril-2019-600x400.jpeg\" class=\"attachment-notio-general-x2 size-notio-general-x2 wp-post-image\" alt=\"\" srcset=\"https:\/\/www.psib-psoe.org\/mallorca\/wp-content\/uploads\/cosme-bonet-jose-hila-tancament-campanya-generals-abril-2019-600x400.jpeg 600w, https:\/\/www.psib-psoe.org\/mallorca\/wp-content\/uploads\/cosme-bonet-jose-hila-tancament-campanya-generals-abril-2019-300x200.jpeg 300w, https:\/\/www.psib-psoe.org\/mallorca\/wp-content\/uploads\/cosme-bonet-jose-hila-tancament-campanya-generals-abril-2019-900x600.jpeg 900w, https:\/\/www.psib-psoe.org\/mallorca\/wp-content\/uploads\/cosme-bonet-jose-hila-tancament-campanya-generals-abril-2019-20x13.jpeg 20w\" sizes=\"(max-width: 600px) 100vw, 600px\" \/><\/figure>\n\t\t<div class=\"blog-top\">\n\t\t\t<header class=\"post-title entry-header\">\n\t\t\t\t<aside class=\"post-meta cf\">\n\t\t26\/04\/2019 \/ <a href=\"https:\/\/www.psib-psoe.org\/mallorca\/category\/federacio-de-mallorca\/\" rel=\"category tag\">Federaci\u00f3 de Mallorca<\/a>, <a href=\"https:\/\/www.psib-psoe.org\/mallorca\/category\/municipis\/\" rel=\"category tag\">Municipis<\/a><\/aside>\n\t\t\t\t<h3 itemprop=\"headline\"><a href=\"https:\/\/www.psib-psoe.org\/mallorca\/cosme-bonet-tothom-ha-de-sortir-a-votar-perque-ens-jugam-la-democracia-daquest-pais-i-els-drets-les-llibertats-i-les-conquestes-socials-que-hem-aconseguit-durant\/\" title=\"Cosme Bonet: \u201cTothom ha de sortir a votar, perque\u0300 ens jugam la democra\u0300cia d\u2019aquest pai\u0301s i els drets, les llibertats i les conquestes socials que hem aconseguit durant 40 anys\u201d\">Cosme Bonet: \u201cTothom ha de sortir a votar, perque\u0300 ens jugam la democra\u0300cia d\u2019aquest pai\u0301s i els drets, les llibertats i les conquestes socials que hem aconseguit durant 40 anys\u201d<\/a><\/h3>\n\t\t\t<\/header>\n\t\t<\/div>\n\t\t<div class=\"post-content\">\n\t\t\t<a href=\"https:\/\/www.psib-psoe.org\/mallorca\/cosme-bonet-tothom-ha-de-sortir-a-votar-perque-ens-jugam-la-democracia-daquest-pais-i-els-drets-les-llibertats-i-les-conquestes-socials-que-hem-aconseguit-durant\/\" class=\"more-link\">Read More<\/a>\n\t\t<\/div>\n\t\t\t<aside class=\"post-bottom-meta hide\">\n\t\t<strong rel=\"author\" itemprop=\"author\" class=\"author vcard\"><span class=\"fn\">adminpsib<\/span><\/strong>\n\t\t<time class=\"date published time\" datetime=\"2019-04-26T12:33:56+02:00\" itemprop=\"datePublished\" content=\"2019-04-26T12:33:56+02:00\">26\/04\/2019<\/time>\n\t\t<meta itemprop=\"dateModified\" class=\"date updated\" content=\"2020-01-08T14:50:35+02:00\">\n\t\t<span class=\"hide\" itemprop=\"publisher\" itemscope itemtype=\"https:\/\/schema.org\/Organization\">\n\t\t\t<meta itemprop=\"name\" content=\"SocialistesdMca\">\n\t\t\t<span itemprop=\"logo\" itemscope itemtype=\"https:\/\/schema.org\/ImageObject\">\n\t\t\t\t<meta itemprop=\"url\" content=\"https:\/\/www.psib-psoe.org\/mallorca\/wp-content\/themes\/notio-wp\/assets\/img\/logo.png\">\n\t\t\t<\/span>\n\t\t\t<meta itemprop=\"url\" content=\"https:\/\/www.psib-psoe.org\/mallorca\/\">\n\t\t<\/span>\n\t\t\t\t<span class=\"hide\" itemprop=\"image\" itemscope itemtype=\"http:\/\/schema.org\/ImageObject\">\n\t\t\t<meta itemprop=\"url\" content=\"https:\/\/www.psib-psoe.org\/mallorca\/wp-content\/uploads\/cosme-bonet-jose-hila-tancament-campanya-generals-abril-2019.jpeg\">\n\t\t\t<meta itemprop=\"width\" content=\"1000\">\n\t\t\t<meta itemprop=\"height\" content=\"750\">\n\t\t<\/span>\n\t\t\t\t<meta itemscope itemprop=\"mainEntityOfPage\" itemtype=\"https:\/\/schema.org\/WebPage\" itemid=\"https:\/\/www.psib-psoe.org\/mallorca\/cosme-bonet-tothom-ha-de-sortir-a-votar-perque-ens-jugam-la-democracia-daquest-pais-i-els-drets-les-llibertats-i-les-conquestes-socials-que-hem-aconseguit-durant\/\">\n\t<\/aside>\n\t\t<\/article>\n<\/div>\n<div class=\"small-12 large-4 columns\">\n\t<article itemscope itemtype=\"http:\/\/schema.org\/Article\" class=\"post blog-style7 alt post-24485 type-post status-publish format-standard has-post-thumbnail hentry category-federacio-de-mallorca category-municipis\" role=\"article\">\n\t\t<figure class=\"post-gallery\"><img loading=\"lazy\" decoding=\"async\" width=\"600\" height=\"400\" src=\"https:\/\/www.psib-psoe.org\/mallorca\/wp-content\/uploads\/francina-armengol-pere-joan-pons-dones-candidatures-abril-2019-600x400.jpeg\" class=\"attachment-notio-general-x2 size-notio-general-x2 wp-post-image\" alt=\"\" srcset=\"https:\/\/www.psib-psoe.org\/mallorca\/wp-content\/uploads\/francina-armengol-pere-joan-pons-dones-candidatures-abril-2019-600x400.jpeg 600w, https:\/\/www.psib-psoe.org\/mallorca\/wp-content\/uploads\/francina-armengol-pere-joan-pons-dones-candidatures-abril-2019-300x200.jpeg 300w, https:\/\/www.psib-psoe.org\/mallorca\/wp-content\/uploads\/francina-armengol-pere-joan-pons-dones-candidatures-abril-2019-900x600.jpeg 900w, https:\/\/www.psib-psoe.org\/mallorca\/wp-content\/uploads\/francina-armengol-pere-joan-pons-dones-candidatures-abril-2019-20x13.jpeg 20w\" sizes=\"(max-width: 600px) 100vw, 600px\" \/><\/figure>\n\t\t<div class=\"blog-top\">\n\t\t\t<header class=\"post-title entry-header\">\n\t\t\t\t<aside class=\"post-meta cf\">\n\t\t25\/04\/2019 \/ <a href=\"https:\/\/www.psib-psoe.org\/mallorca\/category\/federacio-de-mallorca\/\" rel=\"category tag\">Federaci\u00f3 de Mallorca<\/a>, <a href=\"https:\/\/www.psib-psoe.org\/mallorca\/category\/municipis\/\" rel=\"category tag\">Municipis<\/a><\/aside>\n\t\t\t\t<h3 itemprop=\"headline\"><a href=\"https:\/\/www.psib-psoe.org\/mallorca\/el-psib-psoe-referma-el-seu-compromis-amb-el-feminisme-i-demana-a-totes-les-dones-que-facin-historia-el-28-dabril-com-la-varen-fer-el-8-de-marc\/\" title=\"El PSIB-PSOE referma el seu comprom\u00eds amb el feminisme i demana a totes les dones \u201cque facin hist\u00f2ria el 28 d\u2019abril com la varen fer el 8 de mar\u00e7\u201d\">El PSIB-PSOE referma el seu comprom\u00eds amb el feminisme i demana a totes les dones \u201cque facin hist\u00f2ria el 28 d\u2019abril com la varen fer el 8 de mar\u00e7\u201d<\/a><\/h3>\n\t\t\t<\/header>\n\t\t<\/div>\n\t\t<div class=\"post-content\">\n\t\t\t<a href=\"https:\/\/www.psib-psoe.org\/mallorca\/el-psib-psoe-referma-el-seu-compromis-amb-el-feminisme-i-demana-a-totes-les-dones-que-facin-historia-el-28-dabril-com-la-varen-fer-el-8-de-marc\/\" class=\"more-link\">Read More<\/a>\n\t\t<\/div>\n\t\t\t<aside class=\"post-bottom-meta hide\">\n\t\t<strong rel=\"author\" itemprop=\"author\" class=\"author vcard\"><span class=\"fn\">adminpsib<\/span><\/strong>\n\t\t<time class=\"date published time\" datetime=\"2019-04-25T10:26:47+02:00\" itemprop=\"datePublished\" content=\"2019-04-25T10:26:47+02:00\">25\/04\/2019<\/time>\n\t\t<meta itemprop=\"dateModified\" class=\"date updated\" content=\"2020-01-08T14:50:45+02:00\">\n\t\t<span class=\"hide\" itemprop=\"publisher\" itemscope itemtype=\"https:\/\/schema.org\/Organization\">\n\t\t\t<meta itemprop=\"name\" content=\"SocialistesdMca\">\n\t\t\t<span itemprop=\"logo\" itemscope itemtype=\"https:\/\/schema.org\/ImageObject\">\n\t\t\t\t<meta itemprop=\"url\" content=\"https:\/\/www.psib-psoe.org\/mallorca\/wp-content\/themes\/notio-wp\/assets\/img\/logo.png\">\n\t\t\t<\/span>\n\t\t\t<meta itemprop=\"url\" content=\"https:\/\/www.psib-psoe.org\/mallorca\/\">\n\t\t<\/span>\n\t\t\t\t<span class=\"hide\" itemprop=\"image\" itemscope itemtype=\"http:\/\/schema.org\/ImageObject\">\n\t\t\t<meta itemprop=\"url\" content=\"https:\/\/www.psib-psoe.org\/mallorca\/wp-content\/uploads\/francina-armengol-pere-joan-pons-dones-candidatures-abril-2019.jpeg\">\n\t\t\t<meta itemprop=\"width\" content=\"1000\">\n\t\t\t<meta itemprop=\"height\" content=\"750\">\n\t\t<\/span>\n\t\t\t\t<meta itemscope itemprop=\"mainEntityOfPage\" itemtype=\"https:\/\/schema.org\/WebPage\" itemid=\"https:\/\/www.psib-psoe.org\/mallorca\/el-psib-psoe-referma-el-seu-compromis-amb-el-feminisme-i-demana-a-totes-les-dones-que-facin-historia-el-28-dabril-com-la-varen-fer-el-8-de-marc\/\">\n\t<\/aside>\n\t\t<\/article>\n<\/div>\n<div class=\"small-12 large-4 columns\">\n\t<article itemscope itemtype=\"http:\/\/schema.org\/Article\" class=\"post blog-style7 alt post-23880 type-post status-publish format-standard has-post-thumbnail hentry category-federacio-de-mallorca category-municipis\" role=\"article\">\n\t\t<figure class=\"post-gallery\"><img loading=\"lazy\" decoding=\"async\" width=\"600\" height=\"400\" src=\"https:\/\/www.psib-psoe.org\/mallorca\/wp-content\/uploads\/francina-armengol-festa-de-la-rosa-palma-abril-2019-600x400.jpeg\" class=\"attachment-notio-general-x2 size-notio-general-x2 wp-post-image\" alt=\"\" srcset=\"https:\/\/www.psib-psoe.org\/mallorca\/wp-content\/uploads\/francina-armengol-festa-de-la-rosa-palma-abril-2019-600x400.jpeg 600w, https:\/\/www.psib-psoe.org\/mallorca\/wp-content\/uploads\/francina-armengol-festa-de-la-rosa-palma-abril-2019-300x200.jpeg 300w, https:\/\/www.psib-psoe.org\/mallorca\/wp-content\/uploads\/francina-armengol-festa-de-la-rosa-palma-abril-2019-900x600.jpeg 900w, https:\/\/www.psib-psoe.org\/mallorca\/wp-content\/uploads\/francina-armengol-festa-de-la-rosa-palma-abril-2019-20x13.jpeg 20w\" sizes=\"(max-width: 600px) 100vw, 600px\" \/><\/figure>\n\t\t<div class=\"blog-top\">\n\t\t\t<header class=\"post-title entry-header\">\n\t\t\t\t<aside class=\"post-meta cf\">\n\t\t25\/04\/2019 \/ <a href=\"https:\/\/www.psib-psoe.org\/mallorca\/category\/federacio-de-mallorca\/\" rel=\"category tag\">Federaci\u00f3 de Mallorca<\/a>, <a href=\"https:\/\/www.psib-psoe.org\/mallorca\/category\/municipis\/\" rel=\"category tag\">Municipis<\/a><\/aside>\n\t\t\t\t<h3 itemprop=\"headline\"><a href=\"https:\/\/www.psib-psoe.org\/mallorca\/vicenta-macias-i-xisco-antich-reben-els-premis-rosa-de-plata-per-representar-els-valors-socialistes-mes-necessaris-que-mai\/\" title=\"Vicenta Mac\u00edas i Xisco Antich reben els premis Rosa de Plata per representar els valors socialistes, \u201cm\u00e9s necessaris que mai\u201d\">Vicenta Mac\u00edas i Xisco Antich reben els premis Rosa de Plata per representar els valors socialistes, \u201cm\u00e9s necessaris que mai\u201d<\/a><\/h3>\n\t\t\t<\/header>\n\t\t<\/div>\n\t\t<div class=\"post-content\">\n\t\t\t<a href=\"https:\/\/www.psib-psoe.org\/mallorca\/vicenta-macias-i-xisco-antich-reben-els-premis-rosa-de-plata-per-representar-els-valors-socialistes-mes-necessaris-que-mai\/\" class=\"more-link\">Read More<\/a>\n\t\t<\/div>\n\t\t\t<aside class=\"post-bottom-meta hide\">\n\t\t<strong rel=\"author\" itemprop=\"author\" class=\"author vcard\"><span class=\"fn\">adminpsib<\/span><\/strong>\n\t\t<time class=\"date published time\" datetime=\"2019-04-25T10:21:31+02:00\" itemprop=\"datePublished\" content=\"2019-04-25T10:21:31+02:00\">25\/04\/2019<\/time>\n\t\t<meta itemprop=\"dateModified\" class=\"date updated\" content=\"2019-12-05T13:19:21+02:00\">\n\t\t<span class=\"hide\" itemprop=\"publisher\" itemscope itemtype=\"https:\/\/schema.org\/Organization\">\n\t\t\t<meta itemprop=\"name\" content=\"SocialistesdMca\">\n\t\t\t<span itemprop=\"logo\" itemscope itemtype=\"https:\/\/schema.org\/ImageObject\">\n\t\t\t\t<meta itemprop=\"url\" content=\"https:\/\/www.psib-psoe.org\/mallorca\/wp-content\/themes\/notio-wp\/assets\/img\/logo.png\">\n\t\t\t<\/span>\n\t\t\t<meta itemprop=\"url\" content=\"https:\/\/www.psib-psoe.org\/mallorca\/\">\n\t\t<\/span>\n\t\t\t\t<span class=\"hide\" itemprop=\"image\" itemscope itemtype=\"http:\/\/schema.org\/ImageObject\">\n\t\t\t<meta itemprop=\"url\" content=\"https:\/\/www.psib-psoe.org\/mallorca\/wp-content\/uploads\/francina-armengol-festa-de-la-rosa-palma-abril-2019.jpeg\">\n\t\t\t<meta itemprop=\"width\" content=\"1000\">\n\t\t\t<meta itemprop=\"height\" content=\"750\">\n\t\t<\/span>\n\t\t\t\t<meta itemscope itemprop=\"mainEntityOfPage\" itemtype=\"https:\/\/schema.org\/WebPage\" itemid=\"https:\/\/www.psib-psoe.org\/mallorca\/vicenta-macias-i-xisco-antich-reben-els-premis-rosa-de-plata-per-representar-els-valors-socialistes-mes-necessaris-que-mai\/\">\n\t<\/aside>\n\t\t<\/article>\n<\/div>\n<div class=\"small-12 large-4 columns\">\n\t<article itemscope itemtype=\"http:\/\/schema.org\/Article\" class=\"post blog-style7 alt post-23818 type-post status-publish format-standard has-post-thumbnail hentry category-federacio-de-mallorca category-municipis\" role=\"article\">\n\t\t<figure class=\"post-gallery\"><img loading=\"lazy\" decoding=\"async\" width=\"600\" height=\"400\" src=\"https:\/\/www.psib-psoe.org\/mallorca\/wp-content\/uploads\/francina-armengol-pere-joan-pons-miquel-cabot-presentacio-candidat-marratxi-abril-2019-600x400.jpeg\" class=\"attachment-notio-general-x2 size-notio-general-x2 wp-post-image\" alt=\"\" srcset=\"https:\/\/www.psib-psoe.org\/mallorca\/wp-content\/uploads\/francina-armengol-pere-joan-pons-miquel-cabot-presentacio-candidat-marratxi-abril-2019-600x400.jpeg 600w, https:\/\/www.psib-psoe.org\/mallorca\/wp-content\/uploads\/francina-armengol-pere-joan-pons-miquel-cabot-presentacio-candidat-marratxi-abril-2019-300x200.jpeg 300w, https:\/\/www.psib-psoe.org\/mallorca\/wp-content\/uploads\/francina-armengol-pere-joan-pons-miquel-cabot-presentacio-candidat-marratxi-abril-2019-900x600.jpeg 900w, https:\/\/www.psib-psoe.org\/mallorca\/wp-content\/uploads\/francina-armengol-pere-joan-pons-miquel-cabot-presentacio-candidat-marratxi-abril-2019-20x13.jpeg 20w\" sizes=\"(max-width: 600px) 100vw, 600px\" \/><\/figure>\n\t\t<div class=\"blog-top\">\n\t\t\t<header class=\"post-title entry-header\">\n\t\t\t\t<aside class=\"post-meta cf\">\n\t\t20\/04\/2019 \/ <a href=\"https:\/\/www.psib-psoe.org\/mallorca\/category\/federacio-de-mallorca\/\" rel=\"category tag\">Federaci\u00f3 de Mallorca<\/a>, <a href=\"https:\/\/www.psib-psoe.org\/mallorca\/category\/municipis\/\" rel=\"category tag\">Municipis<\/a><\/aside>\n\t\t\t\t<h3 itemprop=\"headline\"><a href=\"https:\/\/www.psib-psoe.org\/mallorca\/pere-joan-pons-demana-la-maxima-mobilitzacio-per-poder-derogar-la-llei-montoro-i-tirar-endavant-lleis-de-progres-com-la-deutanasia\/\" title=\"Pere Joan Pons demana \u201cla m\u00e0xima mobilitzaci\u00f3\u201d per poder \u201cderogar la Llei Montoro\u201d i tirar endavant \u201clleis de progr\u00e9s com la d\u2019eutan\u00e0sia\u201d\">Pere Joan Pons demana \u201cla m\u00e0xima mobilitzaci\u00f3\u201d per poder \u201cderogar la Llei Montoro\u201d i tirar endavant \u201clleis de progr\u00e9s com la d\u2019eutan\u00e0sia\u201d<\/a><\/h3>\n\t\t\t<\/header>\n\t\t<\/div>\n\t\t<div class=\"post-content\">\n\t\t\t<a href=\"https:\/\/www.psib-psoe.org\/mallorca\/pere-joan-pons-demana-la-maxima-mobilitzacio-per-poder-derogar-la-llei-montoro-i-tirar-endavant-lleis-de-progres-com-la-deutanasia\/\" class=\"more-link\">Read More<\/a>\n\t\t<\/div>\n\t\t\t<aside class=\"post-bottom-meta hide\">\n\t\t<strong rel=\"author\" itemprop=\"author\" class=\"author vcard\"><span class=\"fn\">adminpsib<\/span><\/strong>\n\t\t<time class=\"date published time\" datetime=\"2019-04-20T10:33:28+02:00\" itemprop=\"datePublished\" content=\"2019-04-20T10:33:28+02:00\">20\/04\/2019<\/time>\n\t\t<meta itemprop=\"dateModified\" class=\"date updated\" content=\"2019-12-09T10:59:33+02:00\">\n\t\t<span class=\"hide\" itemprop=\"publisher\" itemscope itemtype=\"https:\/\/schema.org\/Organization\">\n\t\t\t<meta itemprop=\"name\" content=\"SocialistesdMca\">\n\t\t\t<span itemprop=\"logo\" itemscope itemtype=\"https:\/\/schema.org\/ImageObject\">\n\t\t\t\t<meta itemprop=\"url\" content=\"https:\/\/www.psib-psoe.org\/mallorca\/wp-content\/themes\/notio-wp\/assets\/img\/logo.png\">\n\t\t\t<\/span>\n\t\t\t<meta itemprop=\"url\" content=\"https:\/\/www.psib-psoe.org\/mallorca\/\">\n\t\t<\/span>\n\t\t\t\t<span class=\"hide\" itemprop=\"image\" itemscope itemtype=\"http:\/\/schema.org\/ImageObject\">\n\t\t\t<meta itemprop=\"url\" content=\"https:\/\/www.psib-psoe.org\/mallorca\/wp-content\/uploads\/francina-armengol-pere-joan-pons-miquel-cabot-presentacio-candidat-marratxi-abril-2019.jpeg\">\n\t\t\t<meta itemprop=\"width\" content=\"1000\">\n\t\t\t<meta itemprop=\"height\" content=\"750\">\n\t\t<\/span>\n\t\t\t\t<meta itemscope itemprop=\"mainEntityOfPage\" itemtype=\"https:\/\/schema.org\/WebPage\" itemid=\"https:\/\/www.psib-psoe.org\/mallorca\/pere-joan-pons-demana-la-maxima-mobilitzacio-per-poder-derogar-la-llei-montoro-i-tirar-endavant-lleis-de-progres-com-la-deutanasia\/\">\n\t<\/aside>\n\t\t<\/article>\n<\/div>\n<div class=\"small-12 large-4 columns\">\n\t<article itemscope itemtype=\"http:\/\/schema.org\/Article\" class=\"post blog-style7 alt post-23821 type-post status-publish format-standard has-post-thumbnail hentry category-federacio-de-mallorca category-municipis\" role=\"article\">\n\t\t<figure class=\"post-gallery\"><img loading=\"lazy\" decoding=\"async\" width=\"600\" height=\"400\" src=\"https:\/\/www.psib-psoe.org\/mallorca\/wp-content\/uploads\/pere-joan-pons-jose-hila-susanna-moll-promocio-habitatge-molinar-abril-2019-600x400.jpeg\" class=\"attachment-notio-general-x2 size-notio-general-x2 wp-post-image\" alt=\"\" srcset=\"https:\/\/www.psib-psoe.org\/mallorca\/wp-content\/uploads\/pere-joan-pons-jose-hila-susanna-moll-promocio-habitatge-molinar-abril-2019-600x400.jpeg 600w, https:\/\/www.psib-psoe.org\/mallorca\/wp-content\/uploads\/pere-joan-pons-jose-hila-susanna-moll-promocio-habitatge-molinar-abril-2019-300x200.jpeg 300w, https:\/\/www.psib-psoe.org\/mallorca\/wp-content\/uploads\/pere-joan-pons-jose-hila-susanna-moll-promocio-habitatge-molinar-abril-2019-900x600.jpeg 900w, https:\/\/www.psib-psoe.org\/mallorca\/wp-content\/uploads\/pere-joan-pons-jose-hila-susanna-moll-promocio-habitatge-molinar-abril-2019-20x13.jpeg 20w\" sizes=\"(max-width: 600px) 100vw, 600px\" \/><\/figure>\n\t\t<div class=\"blog-top\">\n\t\t\t<header class=\"post-title entry-header\">\n\t\t\t\t<aside class=\"post-meta cf\">\n\t\t19\/04\/2019 \/ <a href=\"https:\/\/www.psib-psoe.org\/mallorca\/category\/federacio-de-mallorca\/\" rel=\"category tag\">Federaci\u00f3 de Mallorca<\/a>, <a href=\"https:\/\/www.psib-psoe.org\/mallorca\/category\/municipis\/\" rel=\"category tag\">Municipis<\/a><\/aside>\n\t\t\t\t<h3 itemprop=\"headline\"><a href=\"https:\/\/www.psib-psoe.org\/mallorca\/el-partit-socialista-es-compromet-a-consolidar-el-dret-a-lhabitatge-com-ja-es-va-fer-amb-la-sanitat-leducacio-o-la-dependencia\/\" title=\"El Partit Socialista es compromet a \u201cconsolidar el dret a l\u2019habitatge\u201d com ja es va fer amb \u201cla sanitat, l\u2019educaci\u00f3 o la depend\u00e8ncia\u201d\">El Partit Socialista es compromet a \u201cconsolidar el dret a l\u2019habitatge\u201d com ja es va fer amb \u201cla sanitat, l\u2019educaci\u00f3 o la depend\u00e8ncia\u201d<\/a><\/h3>\n\t\t\t<\/header>\n\t\t<\/div>\n\t\t<div class=\"post-content\">\n\t\t\t<a href=\"https:\/\/www.psib-psoe.org\/mallorca\/el-partit-socialista-es-compromet-a-consolidar-el-dret-a-lhabitatge-com-ja-es-va-fer-amb-la-sanitat-leducacio-o-la-dependencia\/\" class=\"more-link\">Read More<\/a>\n\t\t<\/div>\n\t\t\t<aside class=\"post-bottom-meta hide\">\n\t\t<strong rel=\"author\" itemprop=\"author\" class=\"author vcard\"><span class=\"fn\">adminpsib<\/span><\/strong>\n\t\t<time class=\"date published time\" datetime=\"2019-04-19T10:39:54+02:00\" itemprop=\"datePublished\" content=\"2019-04-19T10:39:54+02:00\">19\/04\/2019<\/time>\n\t\t<meta itemprop=\"dateModified\" class=\"date updated\" content=\"2019-12-09T11:00:17+02:00\">\n\t\t<span class=\"hide\" itemprop=\"publisher\" itemscope itemtype=\"https:\/\/schema.org\/Organization\">\n\t\t\t<meta itemprop=\"name\" content=\"SocialistesdMca\">\n\t\t\t<span itemprop=\"logo\" itemscope itemtype=\"https:\/\/schema.org\/ImageObject\">\n\t\t\t\t<meta itemprop=\"url\" content=\"https:\/\/www.psib-psoe.org\/mallorca\/wp-content\/themes\/notio-wp\/assets\/img\/logo.png\">\n\t\t\t<\/span>\n\t\t\t<meta itemprop=\"url\" content=\"https:\/\/www.psib-psoe.org\/mallorca\/\">\n\t\t<\/span>\n\t\t\t\t<span class=\"hide\" itemprop=\"image\" itemscope itemtype=\"http:\/\/schema.org\/ImageObject\">\n\t\t\t<meta itemprop=\"url\" content=\"https:\/\/www.psib-psoe.org\/mallorca\/wp-content\/uploads\/pere-joan-pons-jose-hila-susanna-moll-promocio-habitatge-molinar-abril-2019.jpeg\">\n\t\t\t<meta itemprop=\"width\" content=\"1000\">\n\t\t\t<meta itemprop=\"height\" content=\"750\">\n\t\t<\/span>\n\t\t\t\t<meta itemscope itemprop=\"mainEntityOfPage\" itemtype=\"https:\/\/schema.org\/WebPage\" itemid=\"https:\/\/www.psib-psoe.org\/mallorca\/el-partit-socialista-es-compromet-a-consolidar-el-dret-a-lhabitatge-com-ja-es-va-fer-amb-la-sanitat-leducacio-o-la-dependencia\/\">\n\t<\/aside>\n\t\t<\/article>\n<\/div>\n<div class=\"small-12 large-4 columns\">\n\t<article itemscope itemtype=\"http:\/\/schema.org\/Article\" class=\"post blog-style7 alt post-24491 type-post status-publish format-standard has-post-thumbnail hentry category-federacio-de-mallorca category-municipis\" role=\"article\">\n\t\t<figure class=\"post-gallery\"><img loading=\"lazy\" decoding=\"async\" width=\"600\" height=\"400\" src=\"https:\/\/www.psib-psoe.org\/mallorca\/wp-content\/uploads\/pere-joan-pons-mercat-sineu-abril-2019-600x400.jpeg\" class=\"attachment-notio-general-x2 size-notio-general-x2 wp-post-image\" alt=\"\" srcset=\"https:\/\/www.psib-psoe.org\/mallorca\/wp-content\/uploads\/pere-joan-pons-mercat-sineu-abril-2019-600x400.jpeg 600w, https:\/\/www.psib-psoe.org\/mallorca\/wp-content\/uploads\/pere-joan-pons-mercat-sineu-abril-2019-300x200.jpeg 300w, https:\/\/www.psib-psoe.org\/mallorca\/wp-content\/uploads\/pere-joan-pons-mercat-sineu-abril-2019-900x600.jpeg 900w, https:\/\/www.psib-psoe.org\/mallorca\/wp-content\/uploads\/pere-joan-pons-mercat-sineu-abril-2019-20x13.jpeg 20w\" sizes=\"(max-width: 600px) 100vw, 600px\" \/><\/figure>\n\t\t<div class=\"blog-top\">\n\t\t\t<header class=\"post-title entry-header\">\n\t\t\t\t<aside class=\"post-meta cf\">\n\t\t17\/04\/2019 \/ <a href=\"https:\/\/www.psib-psoe.org\/mallorca\/category\/federacio-de-mallorca\/\" rel=\"category tag\">Federaci\u00f3 de Mallorca<\/a>, <a href=\"https:\/\/www.psib-psoe.org\/mallorca\/category\/municipis\/\" rel=\"category tag\">Municipis<\/a><\/aside>\n\t\t\t\t<h3 itemprop=\"headline\"><a href=\"https:\/\/www.psib-psoe.org\/mallorca\/pere-joan-pons-som-els-unics-que-garantim-la-sostenibilitat-de-les-pensions\/\" title=\"Pere Joan Pons: \u201cSom els \u00fanics que garantim la sostenibilitat de les pensions\u201d\">Pere Joan Pons: \u201cSom els \u00fanics que garantim la sostenibilitat de les pensions\u201d<\/a><\/h3>\n\t\t\t<\/header>\n\t\t<\/div>\n\t\t<div class=\"post-content\">\n\t\t\t<a href=\"https:\/\/www.psib-psoe.org\/mallorca\/pere-joan-pons-som-els-unics-que-garantim-la-sostenibilitat-de-les-pensions\/\" class=\"more-link\">Read More<\/a>\n\t\t<\/div>\n\t\t\t<aside class=\"post-bottom-meta hide\">\n\t\t<strong rel=\"author\" itemprop=\"author\" class=\"author vcard\"><span class=\"fn\">adminpsib<\/span><\/strong>\n\t\t<time class=\"date published time\" datetime=\"2019-04-17T10:53:31+02:00\" itemprop=\"datePublished\" content=\"2019-04-17T10:53:31+02:00\">17\/04\/2019<\/time>\n\t\t<meta itemprop=\"dateModified\" class=\"date updated\" content=\"2020-01-08T14:52:00+02:00\">\n\t\t<span class=\"hide\" itemprop=\"publisher\" itemscope itemtype=\"https:\/\/schema.org\/Organization\">\n\t\t\t<meta itemprop=\"name\" content=\"SocialistesdMca\">\n\t\t\t<span itemprop=\"logo\" itemscope itemtype=\"https:\/\/schema.org\/ImageObject\">\n\t\t\t\t<meta itemprop=\"url\" content=\"https:\/\/www.psib-psoe.org\/mallorca\/wp-content\/themes\/notio-wp\/assets\/img\/logo.png\">\n\t\t\t<\/span>\n\t\t\t<meta itemprop=\"url\" content=\"https:\/\/www.psib-psoe.org\/mallorca\/\">\n\t\t<\/span>\n\t\t\t\t<span class=\"hide\" itemprop=\"image\" itemscope itemtype=\"http:\/\/schema.org\/ImageObject\">\n\t\t\t<meta itemprop=\"url\" content=\"https:\/\/www.psib-psoe.org\/mallorca\/wp-content\/uploads\/pere-joan-pons-mercat-sineu-abril-2019.jpeg\">\n\t\t\t<meta itemprop=\"width\" content=\"1000\">\n\t\t\t<meta itemprop=\"height\" content=\"726\">\n\t\t<\/span>\n\t\t\t\t<meta itemscope itemprop=\"mainEntityOfPage\" itemtype=\"https:\/\/schema.org\/WebPage\" itemid=\"https:\/\/www.psib-psoe.org\/mallorca\/pere-joan-pons-som-els-unics-que-garantim-la-sostenibilitat-de-les-pensions\/\">\n\t<\/aside>\n\t\t<\/article>\n<\/div>\n<div class=\"small-12 large-4 columns\">\n\t<article itemscope itemtype=\"http:\/\/schema.org\/Article\" class=\"post blog-style7 alt post-24494 type-post status-publish format-standard has-post-thumbnail hentry category-federacio-de-mallorca category-municipis\" role=\"article\">\n\t\t<figure class=\"post-gallery\"><img loading=\"lazy\" decoding=\"async\" width=\"600\" height=\"400\" src=\"https:\/\/www.psib-psoe.org\/mallorca\/wp-content\/uploads\/pere-joan-pons-susanna-moll-mercat-pere-garau-palma-abril-2019-600x400.jpeg\" class=\"attachment-notio-general-x2 size-notio-general-x2 wp-post-image\" alt=\"\" srcset=\"https:\/\/www.psib-psoe.org\/mallorca\/wp-content\/uploads\/pere-joan-pons-susanna-moll-mercat-pere-garau-palma-abril-2019-600x400.jpeg 600w, https:\/\/www.psib-psoe.org\/mallorca\/wp-content\/uploads\/pere-joan-pons-susanna-moll-mercat-pere-garau-palma-abril-2019-300x200.jpeg 300w, https:\/\/www.psib-psoe.org\/mallorca\/wp-content\/uploads\/pere-joan-pons-susanna-moll-mercat-pere-garau-palma-abril-2019-900x600.jpeg 900w, https:\/\/www.psib-psoe.org\/mallorca\/wp-content\/uploads\/pere-joan-pons-susanna-moll-mercat-pere-garau-palma-abril-2019-20x13.jpeg 20w\" sizes=\"(max-width: 600px) 100vw, 600px\" \/><\/figure>\n\t\t<div class=\"blog-top\">\n\t\t\t<header class=\"post-title entry-header\">\n\t\t\t\t<aside class=\"post-meta cf\">\n\t\t16\/04\/2019 \/ <a href=\"https:\/\/www.psib-psoe.org\/mallorca\/category\/federacio-de-mallorca\/\" rel=\"category tag\">Federaci\u00f3 de Mallorca<\/a>, <a href=\"https:\/\/www.psib-psoe.org\/mallorca\/category\/municipis\/\" rel=\"category tag\">Municipis<\/a><\/aside>\n\t\t\t\t<h3 itemprop=\"headline\"><a href=\"https:\/\/www.psib-psoe.org\/mallorca\/pere-joan-pons-la-primera-prioritat-del-govern-de-pedro-sanchez-es-locupacio\/\" title=\"Pere Joan Pons: \u201cLa primera prioritat del govern de Pedro S\u00e1nchez \u00e9s l\u2019ocupaci\u00f3\u201d\">Pere Joan Pons: \u201cLa primera prioritat del govern de Pedro S\u00e1nchez \u00e9s l\u2019ocupaci\u00f3\u201d<\/a><\/h3>\n\t\t\t<\/header>\n\t\t<\/div>\n\t\t<div class=\"post-content\">\n\t\t\t<a href=\"https:\/\/www.psib-psoe.org\/mallorca\/pere-joan-pons-la-primera-prioritat-del-govern-de-pedro-sanchez-es-locupacio\/\" class=\"more-link\">Read More<\/a>\n\t\t<\/div>\n\t\t\t<aside class=\"post-bottom-meta hide\">\n\t\t<strong rel=\"author\" itemprop=\"author\" class=\"author vcard\"><span class=\"fn\">adminpsib<\/span><\/strong>\n\t\t<time class=\"date published time\" datetime=\"2019-04-16T10:58:41+02:00\" itemprop=\"datePublished\" content=\"2019-04-16T10:58:41+02:00\">16\/04\/2019<\/time>\n\t\t<meta itemprop=\"dateModified\" class=\"date updated\" content=\"2020-01-08T14:52:18+02:00\">\n\t\t<span class=\"hide\" itemprop=\"publisher\" itemscope itemtype=\"https:\/\/schema.org\/Organization\">\n\t\t\t<meta itemprop=\"name\" content=\"SocialistesdMca\">\n\t\t\t<span itemprop=\"logo\" itemscope itemtype=\"https:\/\/schema.org\/ImageObject\">\n\t\t\t\t<meta itemprop=\"url\" content=\"https:\/\/www.psib-psoe.org\/mallorca\/wp-content\/themes\/notio-wp\/assets\/img\/logo.png\">\n\t\t\t<\/span>\n\t\t\t<meta itemprop=\"url\" content=\"https:\/\/www.psib-psoe.org\/mallorca\/\">\n\t\t<\/span>\n\t\t\t\t<span class=\"hide\" itemprop=\"image\" itemscope itemtype=\"http:\/\/schema.org\/ImageObject\">\n\t\t\t<meta itemprop=\"url\" content=\"https:\/\/www.psib-psoe.org\/mallorca\/wp-content\/uploads\/pere-joan-pons-susanna-moll-mercat-pere-garau-palma-abril-2019.jpeg\">\n\t\t\t<meta itemprop=\"width\" content=\"1000\">\n\t\t\t<meta itemprop=\"height\" content=\"750\">\n\t\t<\/span>\n\t\t\t\t<meta itemscope itemprop=\"mainEntityOfPage\" itemtype=\"https:\/\/schema.org\/WebPage\" itemid=\"https:\/\/www.psib-psoe.org\/mallorca\/pere-joan-pons-la-primera-prioritat-del-govern-de-pedro-sanchez-es-locupacio\/\">\n\t<\/aside>\n\t\t<\/article>\n<\/div>\n<div class=\"small-12 large-4 columns\">\n\t<article itemscope itemtype=\"http:\/\/schema.org\/Article\" class=\"post blog-style7 alt post-23827 type-post status-publish format-standard has-post-thumbnail hentry category-federacio-de-mallorca category-municipis\" role=\"article\">\n\t\t<figure class=\"post-gallery\"><img loading=\"lazy\" decoding=\"async\" width=\"600\" height=\"400\" src=\"https:\/\/www.psib-psoe.org\/mallorca\/wp-content\/uploads\/susanna-moll-jose-hila-francisco-ducros-presentacio-proposta-electoral-palma-eleccions-2019-600x400.jpeg\" class=\"attachment-notio-general-x2 size-notio-general-x2 wp-post-image\" alt=\"\" srcset=\"https:\/\/www.psib-psoe.org\/mallorca\/wp-content\/uploads\/susanna-moll-jose-hila-francisco-ducros-presentacio-proposta-electoral-palma-eleccions-2019-600x400.jpeg 600w, https:\/\/www.psib-psoe.org\/mallorca\/wp-content\/uploads\/susanna-moll-jose-hila-francisco-ducros-presentacio-proposta-electoral-palma-eleccions-2019-300x200.jpeg 300w, https:\/\/www.psib-psoe.org\/mallorca\/wp-content\/uploads\/susanna-moll-jose-hila-francisco-ducros-presentacio-proposta-electoral-palma-eleccions-2019-900x600.jpeg 900w, https:\/\/www.psib-psoe.org\/mallorca\/wp-content\/uploads\/susanna-moll-jose-hila-francisco-ducros-presentacio-proposta-electoral-palma-eleccions-2019-20x13.jpeg 20w\" sizes=\"(max-width: 600px) 100vw, 600px\" \/><\/figure>\n\t\t<div class=\"blog-top\">\n\t\t\t<header class=\"post-title entry-header\">\n\t\t\t\t<aside class=\"post-meta cf\">\n\t\t15\/04\/2019 \/ <a href=\"https:\/\/www.psib-psoe.org\/mallorca\/category\/federacio-de-mallorca\/\" rel=\"category tag\">Federaci\u00f3 de Mallorca<\/a>, <a href=\"https:\/\/www.psib-psoe.org\/mallorca\/category\/municipis\/\" rel=\"category tag\">Municipis<\/a><\/aside>\n\t\t\t\t<h3 itemprop=\"headline\"><a href=\"https:\/\/www.psib-psoe.org\/mallorca\/susanna-moll-el-ciutada-podra-comparar-entre-un-projecte-de-futur-o-retrocedir-perque-les-dretes-no-tenen-cap-projecte-visible\/\" title=\"Susanna Moll: \u201cEl ciutad\u00e0 podr\u00e0 comparar entre un projecte de futur o retrocedir, perqu\u00e8 les dretes no tenen cap projecte visible\u201d\">Susanna Moll: \u201cEl ciutad\u00e0 podr\u00e0 comparar entre un projecte de futur o retrocedir, perqu\u00e8 les dretes no tenen cap projecte visible\u201d<\/a><\/h3>\n\t\t\t<\/header>\n\t\t<\/div>\n\t\t<div class=\"post-content\">\n\t\t\t<a href=\"https:\/\/www.psib-psoe.org\/mallorca\/susanna-moll-el-ciutada-podra-comparar-entre-un-projecte-de-futur-o-retrocedir-perque-les-dretes-no-tenen-cap-projecte-visible\/\" class=\"more-link\">Read More<\/a>\n\t\t<\/div>\n\t\t\t<aside class=\"post-bottom-meta hide\">\n\t\t<strong rel=\"author\" itemprop=\"author\" class=\"author vcard\"><span class=\"fn\">adminpsib<\/span><\/strong>\n\t\t<time class=\"date published time\" datetime=\"2019-04-15T11:08:42+02:00\" itemprop=\"datePublished\" content=\"2019-04-15T11:08:42+02:00\">15\/04\/2019<\/time>\n\t\t<meta itemprop=\"dateModified\" class=\"date updated\" content=\"2019-12-09T11:04:12+02:00\">\n\t\t<span class=\"hide\" itemprop=\"publisher\" itemscope itemtype=\"https:\/\/schema.org\/Organization\">\n\t\t\t<meta itemprop=\"name\" content=\"SocialistesdMca\">\n\t\t\t<span itemprop=\"logo\" itemscope itemtype=\"https:\/\/schema.org\/ImageObject\">\n\t\t\t\t<meta itemprop=\"url\" content=\"https:\/\/www.psib-psoe.org\/mallorca\/wp-content\/themes\/notio-wp\/assets\/img\/logo.png\">\n\t\t\t<\/span>\n\t\t\t<meta itemprop=\"url\" content=\"https:\/\/www.psib-psoe.org\/mallorca\/\">\n\t\t<\/span>\n\t\t\t\t<span class=\"hide\" itemprop=\"image\" itemscope itemtype=\"http:\/\/schema.org\/ImageObject\">\n\t\t\t<meta itemprop=\"url\" content=\"https:\/\/www.psib-psoe.org\/mallorca\/wp-content\/uploads\/susanna-moll-jose-hila-francisco-ducros-presentacio-proposta-electoral-palma-eleccions-2019.jpeg\">\n\t\t\t<meta itemprop=\"width\" content=\"1000\">\n\t\t\t<meta itemprop=\"height\" content=\"750\">\n\t\t<\/span>\n\t\t\t\t<meta itemscope itemprop=\"mainEntityOfPage\" itemtype=\"https:\/\/schema.org\/WebPage\" itemid=\"https:\/\/www.psib-psoe.org\/mallorca\/susanna-moll-el-ciutada-podra-comparar-entre-un-projecte-de-futur-o-retrocedir-perque-les-dretes-no-tenen-cap-projecte-visible\/\">\n\t<\/aside>\n\t\t<\/article>\n<\/div>\n<div class=\"small-12 large-4 columns\">\n\t<article itemscope itemtype=\"http:\/\/schema.org\/Article\" class=\"post blog-style7 alt post-23886 type-post status-publish format-standard has-post-thumbnail hentry category-federacio-de-mallorca category-municipis\" role=\"article\">\n\t\t<figure class=\"post-gallery\"><img loading=\"lazy\" decoding=\"async\" width=\"600\" height=\"400\" src=\"https:\/\/www.psib-psoe.org\/mallorca\/wp-content\/uploads\/francina-armengol-presentacio-rafel-aulet-candidat-maria-de-la-salut-abril-2019-600x400.jpeg\" class=\"attachment-notio-general-x2 size-notio-general-x2 wp-post-image\" alt=\"\" srcset=\"https:\/\/www.psib-psoe.org\/mallorca\/wp-content\/uploads\/francina-armengol-presentacio-rafel-aulet-candidat-maria-de-la-salut-abril-2019-600x400.jpeg 600w, https:\/\/www.psib-psoe.org\/mallorca\/wp-content\/uploads\/francina-armengol-presentacio-rafel-aulet-candidat-maria-de-la-salut-abril-2019-300x200.jpeg 300w, https:\/\/www.psib-psoe.org\/mallorca\/wp-content\/uploads\/francina-armengol-presentacio-rafel-aulet-candidat-maria-de-la-salut-abril-2019-900x600.jpeg 900w, https:\/\/www.psib-psoe.org\/mallorca\/wp-content\/uploads\/francina-armengol-presentacio-rafel-aulet-candidat-maria-de-la-salut-abril-2019-20x13.jpeg 20w\" sizes=\"(max-width: 600px) 100vw, 600px\" \/><\/figure>\n\t\t<div class=\"blog-top\">\n\t\t\t<header class=\"post-title entry-header\">\n\t\t\t\t<aside class=\"post-meta cf\">\n\t\t14\/04\/2019 \/ <a href=\"https:\/\/www.psib-psoe.org\/mallorca\/category\/federacio-de-mallorca\/\" rel=\"category tag\">Federaci\u00f3 de Mallorca<\/a>, <a href=\"https:\/\/www.psib-psoe.org\/mallorca\/category\/municipis\/\" rel=\"category tag\">Municipis<\/a><\/aside>\n\t\t\t\t<h3 itemprop=\"headline\"><a href=\"https:\/\/www.psib-psoe.org\/mallorca\/francina-armengol-demana-per-al-28-dabril-i-el-26-de-maig-el-vot-de-lesperanca-perque-cada-vegada-que-obrim-una-fossa-tancam-una-ferida\/\" title=\"Francina Armengol demana per al 28 d\u2019abril i el 26 de maig \u201cel vot de l\u2019esperan\u00e7a, perqu\u00e8 cada vegada que obrim una fossa, tancam una ferida\u201d\">Francina Armengol demana per al 28 d\u2019abril i el 26 de maig \u201cel vot de l\u2019esperan\u00e7a, perqu\u00e8 cada vegada que obrim una fossa, tancam una ferida\u201d<\/a><\/h3>\n\t\t\t<\/header>\n\t\t<\/div>\n\t\t<div class=\"post-content\">\n\t\t\t<a href=\"https:\/\/www.psib-psoe.org\/mallorca\/francina-armengol-demana-per-al-28-dabril-i-el-26-de-maig-el-vot-de-lesperanca-perque-cada-vegada-que-obrim-una-fossa-tancam-una-ferida\/\" class=\"more-link\">Read More<\/a>\n\t\t<\/div>\n\t\t\t<aside class=\"post-bottom-meta hide\">\n\t\t<strong rel=\"author\" itemprop=\"author\" class=\"author vcard\"><span class=\"fn\">adminpsib<\/span><\/strong>\n\t\t<time class=\"date published time\" datetime=\"2019-04-14T11:16:26+02:00\" itemprop=\"datePublished\" content=\"2019-04-14T11:16:26+02:00\">14\/04\/2019<\/time>\n\t\t<meta itemprop=\"dateModified\" class=\"date updated\" content=\"2019-12-09T11:08:53+02:00\">\n\t\t<span class=\"hide\" itemprop=\"publisher\" itemscope itemtype=\"https:\/\/schema.org\/Organization\">\n\t\t\t<meta itemprop=\"name\" content=\"SocialistesdMca\">\n\t\t\t<span itemprop=\"logo\" itemscope itemtype=\"https:\/\/schema.org\/ImageObject\">\n\t\t\t\t<meta itemprop=\"url\" content=\"https:\/\/www.psib-psoe.org\/mallorca\/wp-content\/themes\/notio-wp\/assets\/img\/logo.png\">\n\t\t\t<\/span>\n\t\t\t<meta itemprop=\"url\" content=\"https:\/\/www.psib-psoe.org\/mallorca\/\">\n\t\t<\/span>\n\t\t\t\t<span class=\"hide\" itemprop=\"image\" itemscope itemtype=\"http:\/\/schema.org\/ImageObject\">\n\t\t\t<meta itemprop=\"url\" content=\"https:\/\/www.psib-psoe.org\/mallorca\/wp-content\/uploads\/francina-armengol-presentacio-rafel-aulet-candidat-maria-de-la-salut-abril-2019.jpeg\">\n\t\t\t<meta itemprop=\"width\" content=\"1000\">\n\t\t\t<meta itemprop=\"height\" content=\"750\">\n\t\t<\/span>\n\t\t\t\t<meta itemscope itemprop=\"mainEntityOfPage\" itemtype=\"https:\/\/schema.org\/WebPage\" itemid=\"https:\/\/www.psib-psoe.org\/mallorca\/francina-armengol-demana-per-al-28-dabril-i-el-26-de-maig-el-vot-de-lesperanca-perque-cada-vegada-que-obrim-una-fossa-tancam-una-ferida\/\">\n\t<\/aside>\n\t\t<\/article>\n<\/div>\n<div class=\"small-12 large-4 columns\">\n\t<article itemscope itemtype=\"http:\/\/schema.org\/Article\" class=\"post blog-style7 alt post-23903 type-post status-publish format-standard has-post-thumbnail hentry category-federacio-de-mallorca category-municipis\" role=\"article\">\n\t\t<figure class=\"post-gallery\"><img loading=\"lazy\" decoding=\"async\" width=\"600\" height=\"400\" src=\"https:\/\/www.psib-psoe.org\/mallorca\/wp-content\/uploads\/francina-armengol-dolores-delgado-catalina-cladera-dinar-lloseta-abril-2019-600x400.jpeg\" class=\"attachment-notio-general-x2 size-notio-general-x2 wp-post-image\" alt=\"\" srcset=\"https:\/\/www.psib-psoe.org\/mallorca\/wp-content\/uploads\/francina-armengol-dolores-delgado-catalina-cladera-dinar-lloseta-abril-2019-600x400.jpeg 600w, https:\/\/www.psib-psoe.org\/mallorca\/wp-content\/uploads\/francina-armengol-dolores-delgado-catalina-cladera-dinar-lloseta-abril-2019-300x200.jpeg 300w, https:\/\/www.psib-psoe.org\/mallorca\/wp-content\/uploads\/francina-armengol-dolores-delgado-catalina-cladera-dinar-lloseta-abril-2019-900x600.jpeg 900w, https:\/\/www.psib-psoe.org\/mallorca\/wp-content\/uploads\/francina-armengol-dolores-delgado-catalina-cladera-dinar-lloseta-abril-2019-20x13.jpeg 20w\" sizes=\"(max-width: 600px) 100vw, 600px\" \/><\/figure>\n\t\t<div class=\"blog-top\">\n\t\t\t<header class=\"post-title entry-header\">\n\t\t\t\t<aside class=\"post-meta cf\">\n\t\t13\/04\/2019 \/ <a href=\"https:\/\/www.psib-psoe.org\/mallorca\/category\/federacio-de-mallorca\/\" rel=\"category tag\">Federaci\u00f3 de Mallorca<\/a>, <a href=\"https:\/\/www.psib-psoe.org\/mallorca\/category\/municipis\/\" rel=\"category tag\">Municipis<\/a><\/aside>\n\t\t\t\t<h3 itemprop=\"headline\"><a href=\"https:\/\/www.psib-psoe.org\/mallorca\/el-psib-psoe-demana-el-vot-perque-nomes-es-pot-progressar-si-somplen-les-urnes-de-vots-roses-i-punys\/\" title=\"El PSIB-PSOE demana el vot \u201cperqu\u00e8 nom\u00e9s es pot progressar si s\u2019omplen les urnes de vots, roses i punys\u201d\">El PSIB-PSOE demana el vot \u201cperqu\u00e8 nom\u00e9s es pot progressar si s\u2019omplen les urnes de vots, roses i punys\u201d<\/a><\/h3>\n\t\t\t<\/header>\n\t\t<\/div>\n\t\t<div class=\"post-content\">\n\t\t\t<a href=\"https:\/\/www.psib-psoe.org\/mallorca\/el-psib-psoe-demana-el-vot-perque-nomes-es-pot-progressar-si-somplen-les-urnes-de-vots-roses-i-punys\/\" class=\"more-link\">Read More<\/a>\n\t\t<\/div>\n\t\t\t<aside class=\"post-bottom-meta hide\">\n\t\t<strong rel=\"author\" itemprop=\"author\" class=\"author vcard\"><span class=\"fn\">adminpsib<\/span><\/strong>\n\t\t<time class=\"date published time\" datetime=\"2019-04-13T12:33:10+02:00\" itemprop=\"datePublished\" content=\"2019-04-13T12:33:10+02:00\">13\/04\/2019<\/time>\n\t\t<meta itemprop=\"dateModified\" class=\"date updated\" content=\"2019-12-09T11:08:56+02:00\">\n\t\t<span class=\"hide\" itemprop=\"publisher\" itemscope itemtype=\"https:\/\/schema.org\/Organization\">\n\t\t\t<meta itemprop=\"name\" content=\"SocialistesdMca\">\n\t\t\t<span itemprop=\"logo\" itemscope itemtype=\"https:\/\/schema.org\/ImageObject\">\n\t\t\t\t<meta itemprop=\"url\" content=\"https:\/\/www.psib-psoe.org\/mallorca\/wp-content\/themes\/notio-wp\/assets\/img\/logo.png\">\n\t\t\t<\/span>\n\t\t\t<meta itemprop=\"url\" content=\"https:\/\/www.psib-psoe.org\/mallorca\/\">\n\t\t<\/span>\n\t\t\t\t<span class=\"hide\" itemprop=\"image\" itemscope itemtype=\"http:\/\/schema.org\/ImageObject\">\n\t\t\t<meta itemprop=\"url\" content=\"https:\/\/www.psib-psoe.org\/mallorca\/wp-content\/uploads\/francina-armengol-dolores-delgado-catalina-cladera-dinar-lloseta-abril-2019.jpeg\">\n\t\t\t<meta itemprop=\"width\" content=\"1000\">\n\t\t\t<meta itemprop=\"height\" content=\"750\">\n\t\t<\/span>\n\t\t\t\t<meta itemscope itemprop=\"mainEntityOfPage\" itemtype=\"https:\/\/schema.org\/WebPage\" itemid=\"https:\/\/www.psib-psoe.org\/mallorca\/el-psib-psoe-demana-el-vot-perque-nomes-es-pot-progressar-si-somplen-les-urnes-de-vots-roses-i-punys\/\">\n\t<\/aside>\n\t\t<\/article>\n<\/div>\n<div class=\"small-12 large-4 columns\">\n\t<article itemscope itemtype=\"http:\/\/schema.org\/Article\" class=\"post blog-style7 alt post-24399 type-post status-publish format-standard has-post-thumbnail hentry category-federacio-de-mallorca\" role=\"article\">\n\t\t<figure class=\"post-gallery\"><img loading=\"lazy\" decoding=\"async\" width=\"600\" height=\"400\" src=\"https:\/\/www.psib-psoe.org\/mallorca\/wp-content\/uploads\/penjada-cartells-eleccions-generals-2019-600x400.jpeg\" class=\"attachment-notio-general-x2 size-notio-general-x2 wp-post-image\" alt=\"\" srcset=\"https:\/\/www.psib-psoe.org\/mallorca\/wp-content\/uploads\/penjada-cartells-eleccions-generals-2019-600x400.jpeg 600w, https:\/\/www.psib-psoe.org\/mallorca\/wp-content\/uploads\/penjada-cartells-eleccions-generals-2019-300x200.jpeg 300w, https:\/\/www.psib-psoe.org\/mallorca\/wp-content\/uploads\/penjada-cartells-eleccions-generals-2019-900x600.jpeg 900w, https:\/\/www.psib-psoe.org\/mallorca\/wp-content\/uploads\/penjada-cartells-eleccions-generals-2019-20x13.jpeg 20w\" sizes=\"(max-width: 600px) 100vw, 600px\" \/><\/figure>\n\t\t<div class=\"blog-top\">\n\t\t\t<header class=\"post-title entry-header\">\n\t\t\t\t<aside class=\"post-meta cf\">\n\t\t11\/04\/2019 \/ <a href=\"https:\/\/www.psib-psoe.org\/mallorca\/category\/federacio-de-mallorca\/\" rel=\"category tag\">Federaci\u00f3 de Mallorca<\/a><\/aside>\n\t\t\t\t<h3 itemprop=\"headline\"><a href=\"https:\/\/www.psib-psoe.org\/mallorca\/el-psib-psoe-comenca-una-campanya-en-positiu-i-amb-propostes-i-convencuts-que-serem-la-primera-forca-a-les-illes-balears\/\" title=\"El PSIB-PSOE comen\u00e7a una campanya \u201cen positiu i amb propostes\u201d i \u201cconven\u00e7uts que serem la primera for\u00e7a a les Illes Balears\u201d\">El PSIB-PSOE comen\u00e7a una campanya \u201cen positiu i amb propostes\u201d i \u201cconven\u00e7uts que serem la primera for\u00e7a a les Illes Balears\u201d<\/a><\/h3>\n\t\t\t<\/header>\n\t\t<\/div>\n\t\t<div class=\"post-content\">\n\t\t\t<a href=\"https:\/\/www.psib-psoe.org\/mallorca\/el-psib-psoe-comenca-una-campanya-en-positiu-i-amb-propostes-i-convencuts-que-serem-la-primera-forca-a-les-illes-balears\/\" class=\"more-link\">Read More<\/a>\n\t\t<\/div>\n\t\t\t<aside class=\"post-bottom-meta hide\">\n\t\t<strong rel=\"author\" itemprop=\"author\" class=\"author vcard\"><span class=\"fn\">adminpsib<\/span><\/strong>\n\t\t<time class=\"date published time\" datetime=\"2019-04-11T12:45:57+02:00\" itemprop=\"datePublished\" content=\"2019-04-11T12:45:57+02:00\">11\/04\/2019<\/time>\n\t\t<meta itemprop=\"dateModified\" class=\"date updated\" content=\"2019-04-11T12:45:57+02:00\">\n\t\t<span class=\"hide\" itemprop=\"publisher\" itemscope itemtype=\"https:\/\/schema.org\/Organization\">\n\t\t\t<meta itemprop=\"name\" content=\"SocialistesdMca\">\n\t\t\t<span itemprop=\"logo\" itemscope itemtype=\"https:\/\/schema.org\/ImageObject\">\n\t\t\t\t<meta itemprop=\"url\" content=\"https:\/\/www.psib-psoe.org\/mallorca\/wp-content\/themes\/notio-wp\/assets\/img\/logo.png\">\n\t\t\t<\/span>\n\t\t\t<meta itemprop=\"url\" content=\"https:\/\/www.psib-psoe.org\/mallorca\/\">\n\t\t<\/span>\n\t\t\t\t<span class=\"hide\" itemprop=\"image\" itemscope itemtype=\"http:\/\/schema.org\/ImageObject\">\n\t\t\t<meta itemprop=\"url\" content=\"https:\/\/www.psib-psoe.org\/mallorca\/wp-content\/uploads\/penjada-cartells-eleccions-generals-2019.jpeg\">\n\t\t\t<meta itemprop=\"width\" content=\"1000\">\n\t\t\t<meta itemprop=\"height\" content=\"750\">\n\t\t<\/span>\n\t\t\t\t<meta itemscope itemprop=\"mainEntityOfPage\" itemtype=\"https:\/\/schema.org\/WebPage\" itemid=\"https:\/\/www.psib-psoe.org\/mallorca\/el-psib-psoe-comenca-una-campanya-en-positiu-i-amb-propostes-i-convencuts-que-serem-la-primera-forca-a-les-illes-balears\/\">\n\t<\/aside>\n\t\t<\/article>\n<\/div>\n<div class=\"small-12 large-4 columns\">\n\t<article itemscope itemtype=\"http:\/\/schema.org\/Article\" class=\"post blog-style7 alt post-23909 type-post status-publish format-standard has-post-thumbnail hentry category-federacio-de-mallorca category-municipis\" role=\"article\">\n\t\t<figure class=\"post-gallery\"><img loading=\"lazy\" decoding=\"async\" width=\"600\" height=\"400\" src=\"https:\/\/www.psib-psoe.org\/mallorca\/wp-content\/uploads\/francina-armengol-pere-joan-pons-catalina-cladera-sopar-comarcal-ariany-abril-2019-600x400.jpeg\" class=\"attachment-notio-general-x2 size-notio-general-x2 wp-post-image\" alt=\"\" srcset=\"https:\/\/www.psib-psoe.org\/mallorca\/wp-content\/uploads\/francina-armengol-pere-joan-pons-catalina-cladera-sopar-comarcal-ariany-abril-2019-600x400.jpeg 600w, https:\/\/www.psib-psoe.org\/mallorca\/wp-content\/uploads\/francina-armengol-pere-joan-pons-catalina-cladera-sopar-comarcal-ariany-abril-2019-300x200.jpeg 300w, https:\/\/www.psib-psoe.org\/mallorca\/wp-content\/uploads\/francina-armengol-pere-joan-pons-catalina-cladera-sopar-comarcal-ariany-abril-2019-900x600.jpeg 900w, https:\/\/www.psib-psoe.org\/mallorca\/wp-content\/uploads\/francina-armengol-pere-joan-pons-catalina-cladera-sopar-comarcal-ariany-abril-2019-20x13.jpeg 20w\" sizes=\"(max-width: 600px) 100vw, 600px\" \/><\/figure>\n\t\t<div class=\"blog-top\">\n\t\t\t<header class=\"post-title entry-header\">\n\t\t\t\t<aside class=\"post-meta cf\">\n\t\t10\/04\/2019 \/ <a href=\"https:\/\/www.psib-psoe.org\/mallorca\/category\/federacio-de-mallorca\/\" rel=\"category tag\">Federaci\u00f3 de Mallorca<\/a>, <a href=\"https:\/\/www.psib-psoe.org\/mallorca\/category\/municipis\/\" rel=\"category tag\">Municipis<\/a><\/aside>\n\t\t\t\t<h3 itemprop=\"headline\"><a href=\"https:\/\/www.psib-psoe.org\/mallorca\/francina-armengol-tenim-el-projecte-la-feina-ben-feta-i-el-rigor-per-seguir-construint-unes-illes-millors-i-governar-8-anys-seguits-per-primera-vegada\/\" title=\"Francina Armengol: \u201cTenim el projecte, la feina ben feta i el rigor per seguir construint unes illes millors i governar 8 anys seguits per primera vegada\u201d\">Francina Armengol: \u201cTenim el projecte, la feina ben feta i el rigor per seguir construint unes illes millors i governar 8 anys seguits per primera vegada\u201d<\/a><\/h3>\n\t\t\t<\/header>\n\t\t<\/div>\n\t\t<div class=\"post-content\">\n\t\t\t<a href=\"https:\/\/www.psib-psoe.org\/mallorca\/francina-armengol-tenim-el-projecte-la-feina-ben-feta-i-el-rigor-per-seguir-construint-unes-illes-millors-i-governar-8-anys-seguits-per-primera-vegada\/\" class=\"more-link\">Read More<\/a>\n\t\t<\/div>\n\t\t\t<aside class=\"post-bottom-meta hide\">\n\t\t<strong rel=\"author\" itemprop=\"author\" class=\"author vcard\"><span class=\"fn\">adminpsib<\/span><\/strong>\n\t\t<time class=\"date published time\" datetime=\"2019-04-10T12:58:47+02:00\" itemprop=\"datePublished\" content=\"2019-04-10T12:58:47+02:00\">10\/04\/2019<\/time>\n\t\t<meta itemprop=\"dateModified\" class=\"date updated\" content=\"2019-12-09T11:09:12+02:00\">\n\t\t<span class=\"hide\" itemprop=\"publisher\" itemscope itemtype=\"https:\/\/schema.org\/Organization\">\n\t\t\t<meta itemprop=\"name\" content=\"SocialistesdMca\">\n\t\t\t<span itemprop=\"logo\" itemscope itemtype=\"https:\/\/schema.org\/ImageObject\">\n\t\t\t\t<meta itemprop=\"url\" content=\"https:\/\/www.psib-psoe.org\/mallorca\/wp-content\/themes\/notio-wp\/assets\/img\/logo.png\">\n\t\t\t<\/span>\n\t\t\t<meta itemprop=\"url\" content=\"https:\/\/www.psib-psoe.org\/mallorca\/\">\n\t\t<\/span>\n\t\t\t\t<span class=\"hide\" itemprop=\"image\" itemscope itemtype=\"http:\/\/schema.org\/ImageObject\">\n\t\t\t<meta itemprop=\"url\" content=\"https:\/\/www.psib-psoe.org\/mallorca\/wp-content\/uploads\/francina-armengol-pere-joan-pons-catalina-cladera-sopar-comarcal-ariany-abril-2019.jpeg\">\n\t\t\t<meta itemprop=\"width\" content=\"1000\">\n\t\t\t<meta itemprop=\"height\" content=\"750\">\n\t\t<\/span>\n\t\t\t\t<meta itemscope itemprop=\"mainEntityOfPage\" itemtype=\"https:\/\/schema.org\/WebPage\" itemid=\"https:\/\/www.psib-psoe.org\/mallorca\/francina-armengol-tenim-el-projecte-la-feina-ben-feta-i-el-rigor-per-seguir-construint-unes-illes-millors-i-governar-8-anys-seguits-per-primera-vegada\/\">\n\t<\/aside>\n\t\t<\/article>\n<\/div>\n<div class=\"small-12 large-4 columns\">\n\t<article itemscope itemtype=\"http:\/\/schema.org\/Article\" class=\"post blog-style7 alt post-24402 type-post status-publish format-standard has-post-thumbnail hentry category-federacio-de-mallorca\" role=\"article\">\n\t\t<figure class=\"post-gallery\"><img loading=\"lazy\" decoding=\"async\" width=\"600\" height=\"400\" src=\"https:\/\/www.psib-psoe.org\/mallorca\/wp-content\/uploads\/presentacio-campanya-eleccions-generals-2019-600x400.jpeg\" class=\"attachment-notio-general-x2 size-notio-general-x2 wp-post-image\" alt=\"\" srcset=\"https:\/\/www.psib-psoe.org\/mallorca\/wp-content\/uploads\/presentacio-campanya-eleccions-generals-2019-600x400.jpeg 600w, https:\/\/www.psib-psoe.org\/mallorca\/wp-content\/uploads\/presentacio-campanya-eleccions-generals-2019-300x200.jpeg 300w, https:\/\/www.psib-psoe.org\/mallorca\/wp-content\/uploads\/presentacio-campanya-eleccions-generals-2019-900x600.jpeg 900w, https:\/\/www.psib-psoe.org\/mallorca\/wp-content\/uploads\/presentacio-campanya-eleccions-generals-2019-20x13.jpeg 20w\" sizes=\"(max-width: 600px) 100vw, 600px\" \/><\/figure>\n\t\t<div class=\"blog-top\">\n\t\t\t<header class=\"post-title entry-header\">\n\t\t\t\t<aside class=\"post-meta cf\">\n\t\t10\/04\/2019 \/ <a href=\"https:\/\/www.psib-psoe.org\/mallorca\/category\/federacio-de-mallorca\/\" rel=\"category tag\">Federaci\u00f3 de Mallorca<\/a><\/aside>\n\t\t\t\t<h3 itemprop=\"headline\"><a href=\"https:\/\/www.psib-psoe.org\/mallorca\/pere-joan-pons-el-28-dabril-sortim-a-ser-la-primera-forca-perque-tenim-laval-de-la-gestio-feta-a-espanya-i-a-les-illes-balears\/\" title=\"Pere Joan Pons: \u201cEl 28 d\u2019abril sortim a ser la primera for\u00e7a perqu\u00e8 tenim l\u2019aval de la gesti\u00f3 feta a Espanya i a les Illes Balears\u201d\">Pere Joan Pons: \u201cEl 28 d\u2019abril sortim a ser la primera for\u00e7a perqu\u00e8 tenim l\u2019aval de la gesti\u00f3 feta a Espanya i a les Illes Balears\u201d<\/a><\/h3>\n\t\t\t<\/header>\n\t\t<\/div>\n\t\t<div class=\"post-content\">\n\t\t\t<a href=\"https:\/\/www.psib-psoe.org\/mallorca\/pere-joan-pons-el-28-dabril-sortim-a-ser-la-primera-forca-perque-tenim-laval-de-la-gestio-feta-a-espanya-i-a-les-illes-balears\/\" class=\"more-link\">Read More<\/a>\n\t\t<\/div>\n\t\t\t<aside class=\"post-bottom-meta hide\">\n\t\t<strong rel=\"author\" itemprop=\"author\" class=\"author vcard\"><span class=\"fn\">adminpsib<\/span><\/strong>\n\t\t<time class=\"date published time\" datetime=\"2019-04-10T12:52:57+02:00\" itemprop=\"datePublished\" content=\"2019-04-10T12:52:57+02:00\">10\/04\/2019<\/time>\n\t\t<meta itemprop=\"dateModified\" class=\"date updated\" content=\"2019-04-10T12:52:57+02:00\">\n\t\t<span class=\"hide\" itemprop=\"publisher\" itemscope itemtype=\"https:\/\/schema.org\/Organization\">\n\t\t\t<meta itemprop=\"name\" content=\"SocialistesdMca\">\n\t\t\t<span itemprop=\"logo\" itemscope itemtype=\"https:\/\/schema.org\/ImageObject\">\n\t\t\t\t<meta itemprop=\"url\" content=\"https:\/\/www.psib-psoe.org\/mallorca\/wp-content\/themes\/notio-wp\/assets\/img\/logo.png\">\n\t\t\t<\/span>\n\t\t\t<meta itemprop=\"url\" content=\"https:\/\/www.psib-psoe.org\/mallorca\/\">\n\t\t<\/span>\n\t\t\t\t<span class=\"hide\" itemprop=\"image\" itemscope itemtype=\"http:\/\/schema.org\/ImageObject\">\n\t\t\t<meta itemprop=\"url\" content=\"https:\/\/www.psib-psoe.org\/mallorca\/wp-content\/uploads\/presentacio-campanya-eleccions-generals-2019.jpeg\">\n\t\t\t<meta itemprop=\"width\" content=\"1000\">\n\t\t\t<meta itemprop=\"height\" content=\"750\">\n\t\t<\/span>\n\t\t\t\t<meta itemscope itemprop=\"mainEntityOfPage\" itemtype=\"https:\/\/schema.org\/WebPage\" itemid=\"https:\/\/www.psib-psoe.org\/mallorca\/pere-joan-pons-el-28-dabril-sortim-a-ser-la-primera-forca-perque-tenim-laval-de-la-gestio-feta-a-espanya-i-a-les-illes-balears\/\">\n\t<\/aside>\n\t\t<\/article>\n<\/div>\n<div class=\"small-12 large-4 columns\">\n\t<article itemscope itemtype=\"http:\/\/schema.org\/Article\" class=\"post blog-style7 alt post-23830 type-post status-publish format-standard has-post-thumbnail hentry category-federacio-de-mallorca\" role=\"article\">\n\t\t<figure class=\"post-gallery\"><img loading=\"lazy\" decoding=\"async\" width=\"600\" height=\"400\" src=\"https:\/\/www.psib-psoe.org\/mallorca\/wp-content\/uploads\/iago-negueruela-roda-premsa-valoracio-conferencia-politica-psib-2019-600x400.jpeg\" class=\"attachment-notio-general-x2 size-notio-general-x2 wp-post-image\" alt=\"\" srcset=\"https:\/\/www.psib-psoe.org\/mallorca\/wp-content\/uploads\/iago-negueruela-roda-premsa-valoracio-conferencia-politica-psib-2019-600x400.jpeg 600w, https:\/\/www.psib-psoe.org\/mallorca\/wp-content\/uploads\/iago-negueruela-roda-premsa-valoracio-conferencia-politica-psib-2019-300x200.jpeg 300w, https:\/\/www.psib-psoe.org\/mallorca\/wp-content\/uploads\/iago-negueruela-roda-premsa-valoracio-conferencia-politica-psib-2019-900x600.jpeg 900w, https:\/\/www.psib-psoe.org\/mallorca\/wp-content\/uploads\/iago-negueruela-roda-premsa-valoracio-conferencia-politica-psib-2019-20x13.jpeg 20w\" sizes=\"(max-width: 600px) 100vw, 600px\" \/><\/figure>\n\t\t<div class=\"blog-top\">\n\t\t\t<header class=\"post-title entry-header\">\n\t\t\t\t<aside class=\"post-meta cf\">\n\t\t09\/04\/2019 \/ <a href=\"https:\/\/www.psib-psoe.org\/mallorca\/category\/federacio-de-mallorca\/\" rel=\"category tag\">Federaci\u00f3 de Mallorca<\/a><\/aside>\n\t\t\t\t<h3 itemprop=\"headline\"><a href=\"https:\/\/www.psib-psoe.org\/mallorca\/el-psib-psoe-celebra-lexit-de-la-seva-conferencia-politica-la-qual-recull-mes-de-300-propostes-per-avancar-en-drets-i-progres-social\/\" title=\"El PSIB-PSOE celebra l\u2019\u00e8xit de la seva Confer\u00e8ncia Pol\u00edtica, la qual recull \u201cm\u00e9s de 300 propostes per avan\u00e7ar en drets i progr\u00e9s social\u201d\">El PSIB-PSOE celebra l\u2019\u00e8xit de la seva Confer\u00e8ncia Pol\u00edtica, la qual recull \u201cm\u00e9s de 300 propostes per avan\u00e7ar en drets i progr\u00e9s social\u201d<\/a><\/h3>\n\t\t\t<\/header>\n\t\t<\/div>\n\t\t<div class=\"post-content\">\n\t\t\t<a href=\"https:\/\/www.psib-psoe.org\/mallorca\/el-psib-psoe-celebra-lexit-de-la-seva-conferencia-politica-la-qual-recull-mes-de-300-propostes-per-avancar-en-drets-i-progres-social\/\" class=\"more-link\">Read More<\/a>\n\t\t<\/div>\n\t\t\t<aside class=\"post-bottom-meta hide\">\n\t\t<strong rel=\"author\" itemprop=\"author\" class=\"author vcard\"><span class=\"fn\">adminpsib<\/span><\/strong>\n\t\t<time class=\"date published time\" datetime=\"2019-04-09T13:04:06+02:00\" itemprop=\"datePublished\" content=\"2019-04-09T13:04:06+02:00\">09\/04\/2019<\/time>\n\t\t<meta itemprop=\"dateModified\" class=\"date updated\" content=\"2019-12-09T11:14:45+02:00\">\n\t\t<span class=\"hide\" itemprop=\"publisher\" itemscope itemtype=\"https:\/\/schema.org\/Organization\">\n\t\t\t<meta itemprop=\"name\" content=\"SocialistesdMca\">\n\t\t\t<span itemprop=\"logo\" itemscope itemtype=\"https:\/\/schema.org\/ImageObject\">\n\t\t\t\t<meta itemprop=\"url\" content=\"https:\/\/www.psib-psoe.org\/mallorca\/wp-content\/themes\/notio-wp\/assets\/img\/logo.png\">\n\t\t\t<\/span>\n\t\t\t<meta itemprop=\"url\" content=\"https:\/\/www.psib-psoe.org\/mallorca\/\">\n\t\t<\/span>\n\t\t\t\t<span class=\"hide\" itemprop=\"image\" itemscope itemtype=\"http:\/\/schema.org\/ImageObject\">\n\t\t\t<meta itemprop=\"url\" content=\"https:\/\/www.psib-psoe.org\/mallorca\/wp-content\/uploads\/iago-negueruela-roda-premsa-valoracio-conferencia-politica-psib-2019.jpeg\">\n\t\t\t<meta itemprop=\"width\" content=\"1000\">\n\t\t\t<meta itemprop=\"height\" content=\"750\">\n\t\t<\/span>\n\t\t\t\t<meta itemscope itemprop=\"mainEntityOfPage\" itemtype=\"https:\/\/schema.org\/WebPage\" itemid=\"https:\/\/www.psib-psoe.org\/mallorca\/el-psib-psoe-celebra-lexit-de-la-seva-conferencia-politica-la-qual-recull-mes-de-300-propostes-per-avancar-en-drets-i-progres-social\/\">\n\t<\/aside>\n\t\t<\/article>\n<\/div>\n<div class=\"small-12 large-4 columns\">\n\t<article itemscope itemtype=\"http:\/\/schema.org\/Article\" class=\"post blog-style7 alt post-23837 type-post status-publish format-standard has-post-thumbnail hentry category-federacio-de-mallorca category-municipis\" role=\"article\">\n\t\t<figure class=\"post-gallery\"><img loading=\"lazy\" decoding=\"async\" width=\"600\" height=\"400\" src=\"https:\/\/www.psib-psoe.org\/mallorca\/wp-content\/uploads\/Acte-municipalisme-conferencia-politica-socialistes-mallorca-1-600x400.jpg\" class=\"attachment-notio-general-x2 size-notio-general-x2 wp-post-image\" alt=\"\" srcset=\"https:\/\/www.psib-psoe.org\/mallorca\/wp-content\/uploads\/Acte-municipalisme-conferencia-politica-socialistes-mallorca-1-600x400.jpg 600w, https:\/\/www.psib-psoe.org\/mallorca\/wp-content\/uploads\/Acte-municipalisme-conferencia-politica-socialistes-mallorca-1-300x200.jpg 300w, https:\/\/www.psib-psoe.org\/mallorca\/wp-content\/uploads\/Acte-municipalisme-conferencia-politica-socialistes-mallorca-1-900x600.jpg 900w, https:\/\/www.psib-psoe.org\/mallorca\/wp-content\/uploads\/Acte-municipalisme-conferencia-politica-socialistes-mallorca-1-20x13.jpg 20w\" sizes=\"(max-width: 600px) 100vw, 600px\" \/><\/figure>\n\t\t<div class=\"blog-top\">\n\t\t\t<header class=\"post-title entry-header\">\n\t\t\t\t<aside class=\"post-meta cf\">\n\t\t30\/03\/2019 \/ <a href=\"https:\/\/www.psib-psoe.org\/mallorca\/category\/federacio-de-mallorca\/\" rel=\"category tag\">Federaci\u00f3 de Mallorca<\/a>, <a href=\"https:\/\/www.psib-psoe.org\/mallorca\/category\/municipis\/\" rel=\"category tag\">Municipis<\/a><\/aside>\n\t\t\t\t<h3 itemprop=\"headline\"><a href=\"https:\/\/www.psib-psoe.org\/mallorca\/els-socialistes-de-mallorca-es-preparen-per-fer-historia-aquesta-primavera-i-aturar-la-dreta-que-vol-fer-nos-retrocedir-en-drets-i-llibertats\/\" title=\"Els Socialistes de Mallorca es preparen per \u201cfer hist\u00f2ria aquesta primavera i aturar la dreta que vol fer-nos retrocedir en drets i llibertats\u201d\">Els Socialistes de Mallorca es preparen per \u201cfer hist\u00f2ria aquesta primavera i aturar la dreta que vol fer-nos retrocedir en drets i llibertats\u201d<\/a><\/h3>\n\t\t\t<\/header>\n\t\t<\/div>\n\t\t<div class=\"post-content\">\n\t\t\t<a href=\"https:\/\/www.psib-psoe.org\/mallorca\/els-socialistes-de-mallorca-es-preparen-per-fer-historia-aquesta-primavera-i-aturar-la-dreta-que-vol-fer-nos-retrocedir-en-drets-i-llibertats\/\" class=\"more-link\">Read More<\/a>\n\t\t<\/div>\n\t\t\t<aside class=\"post-bottom-meta hide\">\n\t\t<strong rel=\"author\" itemprop=\"author\" class=\"author vcard\"><span class=\"fn\">adminpsib<\/span><\/strong>\n\t\t<time class=\"date published time\" datetime=\"2019-03-30T11:01:29+02:00\" itemprop=\"datePublished\" content=\"2019-03-30T11:01:29+02:00\">30\/03\/2019<\/time>\n\t\t<meta itemprop=\"dateModified\" class=\"date updated\" content=\"2019-12-09T11:24:27+02:00\">\n\t\t<span class=\"hide\" itemprop=\"publisher\" itemscope itemtype=\"https:\/\/schema.org\/Organization\">\n\t\t\t<meta itemprop=\"name\" content=\"SocialistesdMca\">\n\t\t\t<span itemprop=\"logo\" itemscope itemtype=\"https:\/\/schema.org\/ImageObject\">\n\t\t\t\t<meta itemprop=\"url\" content=\"https:\/\/www.psib-psoe.org\/mallorca\/wp-content\/themes\/notio-wp\/assets\/img\/logo.png\">\n\t\t\t<\/span>\n\t\t\t<meta itemprop=\"url\" content=\"https:\/\/www.psib-psoe.org\/mallorca\/\">\n\t\t<\/span>\n\t\t\t\t<span class=\"hide\" itemprop=\"image\" itemscope itemtype=\"http:\/\/schema.org\/ImageObject\">\n\t\t\t<meta itemprop=\"url\" content=\"https:\/\/www.psib-psoe.org\/mallorca\/wp-content\/uploads\/Acte-municipalisme-conferencia-politica-socialistes-mallorca-1.jpg\">\n\t\t\t<meta itemprop=\"width\" content=\"3748\">\n\t\t\t<meta itemprop=\"height\" content=\"1609\">\n\t\t<\/span>\n\t\t\t\t<meta itemscope itemprop=\"mainEntityOfPage\" itemtype=\"https:\/\/schema.org\/WebPage\" itemid=\"https:\/\/www.psib-psoe.org\/mallorca\/els-socialistes-de-mallorca-es-preparen-per-fer-historia-aquesta-primavera-i-aturar-la-dreta-que-vol-fer-nos-retrocedir-en-drets-i-llibertats\/\">\n\t<\/aside>\n\t\t<\/article>\n<\/div>\n<div class=\"small-12 large-4 columns\">\n\t<article itemscope itemtype=\"http:\/\/schema.org\/Article\" class=\"post blog-style7 alt post-24405 type-post status-publish format-standard has-post-thumbnail hentry category-federacio-de-mallorca\" role=\"article\">\n\t\t<figure class=\"post-gallery\"><img loading=\"lazy\" decoding=\"async\" width=\"600\" height=\"400\" src=\"https:\/\/www.psib-psoe.org\/mallorca\/wp-content\/uploads\/valoracio-inici-precampanya-generals-2019-600x400.jpeg\" class=\"attachment-notio-general-x2 size-notio-general-x2 wp-post-image\" alt=\"\" srcset=\"https:\/\/www.psib-psoe.org\/mallorca\/wp-content\/uploads\/valoracio-inici-precampanya-generals-2019-600x400.jpeg 600w, https:\/\/www.psib-psoe.org\/mallorca\/wp-content\/uploads\/valoracio-inici-precampanya-generals-2019-300x200.jpeg 300w, https:\/\/www.psib-psoe.org\/mallorca\/wp-content\/uploads\/valoracio-inici-precampanya-generals-2019-900x600.jpeg 900w, https:\/\/www.psib-psoe.org\/mallorca\/wp-content\/uploads\/valoracio-inici-precampanya-generals-2019-20x13.jpeg 20w\" sizes=\"(max-width: 600px) 100vw, 600px\" \/><\/figure>\n\t\t<div class=\"blog-top\">\n\t\t\t<header class=\"post-title entry-header\">\n\t\t\t\t<aside class=\"post-meta cf\">\n\t\t29\/03\/2019 \/ <a href=\"https:\/\/www.psib-psoe.org\/mallorca\/category\/federacio-de-mallorca\/\" rel=\"category tag\">Federaci\u00f3 de Mallorca<\/a><\/aside>\n\t\t\t\t<h3 itemprop=\"headline\"><a href=\"https:\/\/www.psib-psoe.org\/mallorca\/pere-joan-pons-a-diferencia-del-psib-psoe-cap-altra-forca-politica-no-te-un-paquet-de-mesures-que-els-ciutadans-puguin-valorar-de-cara-al-28-dabril\/\" title=\"Pere Joan Pons: \u201cA difer\u00e8ncia del PSIB-PSOE, cap altra for\u00e7a pol\u00edtica no t\u00e9 un paquet de mesures que els ciutadans puguin valorar de cara al 28 d\u2019abril\u201d\">Pere Joan Pons: \u201cA difer\u00e8ncia del PSIB-PSOE, cap altra for\u00e7a pol\u00edtica no t\u00e9 un paquet de mesures que els ciutadans puguin valorar de cara al 28 d\u2019abril\u201d<\/a><\/h3>\n\t\t\t<\/header>\n\t\t<\/div>\n\t\t<div class=\"post-content\">\n\t\t\t<a href=\"https:\/\/www.psib-psoe.org\/mallorca\/pere-joan-pons-a-diferencia-del-psib-psoe-cap-altra-forca-politica-no-te-un-paquet-de-mesures-que-els-ciutadans-puguin-valorar-de-cara-al-28-dabril\/\" class=\"more-link\">Read More<\/a>\n\t\t<\/div>\n\t\t\t<aside class=\"post-bottom-meta hide\">\n\t\t<strong rel=\"author\" itemprop=\"author\" class=\"author vcard\"><span class=\"fn\">adminpsib<\/span><\/strong>\n\t\t<time class=\"date published time\" datetime=\"2019-03-29T11:15:18+02:00\" itemprop=\"datePublished\" content=\"2019-03-29T11:15:18+02:00\">29\/03\/2019<\/time>\n\t\t<meta itemprop=\"dateModified\" class=\"date updated\" content=\"2019-03-29T11:15:18+02:00\">\n\t\t<span class=\"hide\" itemprop=\"publisher\" itemscope itemtype=\"https:\/\/schema.org\/Organization\">\n\t\t\t<meta itemprop=\"name\" content=\"SocialistesdMca\">\n\t\t\t<span itemprop=\"logo\" itemscope itemtype=\"https:\/\/schema.org\/ImageObject\">\n\t\t\t\t<meta itemprop=\"url\" content=\"https:\/\/www.psib-psoe.org\/mallorca\/wp-content\/themes\/notio-wp\/assets\/img\/logo.png\">\n\t\t\t<\/span>\n\t\t\t<meta itemprop=\"url\" content=\"https:\/\/www.psib-psoe.org\/mallorca\/\">\n\t\t<\/span>\n\t\t\t\t<span class=\"hide\" itemprop=\"image\" itemscope itemtype=\"http:\/\/schema.org\/ImageObject\">\n\t\t\t<meta itemprop=\"url\" content=\"https:\/\/www.psib-psoe.org\/mallorca\/wp-content\/uploads\/valoracio-inici-precampanya-generals-2019.jpeg\">\n\t\t\t<meta itemprop=\"width\" content=\"1000\">\n\t\t\t<meta itemprop=\"height\" content=\"750\">\n\t\t<\/span>\n\t\t\t\t<meta itemscope itemprop=\"mainEntityOfPage\" itemtype=\"https:\/\/schema.org\/WebPage\" itemid=\"https:\/\/www.psib-psoe.org\/mallorca\/pere-joan-pons-a-diferencia-del-psib-psoe-cap-altra-forca-politica-no-te-un-paquet-de-mesures-que-els-ciutadans-puguin-valorar-de-cara-al-28-dabril\/\">\n\t<\/aside>\n\t\t<\/article>\n<\/div>\n<div class=\"small-12 large-4 columns\">\n\t<article itemscope itemtype=\"http:\/\/schema.org\/Article\" class=\"post blog-style7 alt post-24411 type-post status-publish format-standard has-post-thumbnail hentry category-federacio-de-mallorca category-municipis\" role=\"article\">\n\t\t<figure class=\"post-gallery\"><img loading=\"lazy\" decoding=\"async\" width=\"600\" height=\"400\" src=\"https:\/\/www.psib-psoe.org\/mallorca\/wp-content\/uploads\/francina-armengol-abalos-miting-candidats-corts-generals-2019-600x400.jpeg\" class=\"attachment-notio-general-x2 size-notio-general-x2 wp-post-image\" alt=\"\" srcset=\"https:\/\/www.psib-psoe.org\/mallorca\/wp-content\/uploads\/francina-armengol-abalos-miting-candidats-corts-generals-2019-600x400.jpeg 600w, https:\/\/www.psib-psoe.org\/mallorca\/wp-content\/uploads\/francina-armengol-abalos-miting-candidats-corts-generals-2019-300x200.jpeg 300w, https:\/\/www.psib-psoe.org\/mallorca\/wp-content\/uploads\/francina-armengol-abalos-miting-candidats-corts-generals-2019-768x511.jpeg 768w, https:\/\/www.psib-psoe.org\/mallorca\/wp-content\/uploads\/francina-armengol-abalos-miting-candidats-corts-generals-2019-150x100.jpeg 150w, https:\/\/www.psib-psoe.org\/mallorca\/wp-content\/uploads\/francina-armengol-abalos-miting-candidats-corts-generals-2019-900x600.jpeg 900w, https:\/\/www.psib-psoe.org\/mallorca\/wp-content\/uploads\/francina-armengol-abalos-miting-candidats-corts-generals-2019-20x13.jpeg 20w, https:\/\/www.psib-psoe.org\/mallorca\/wp-content\/uploads\/francina-armengol-abalos-miting-candidats-corts-generals-2019.jpeg 1000w\" sizes=\"(max-width: 600px) 100vw, 600px\" \/><\/figure>\n\t\t<div class=\"blog-top\">\n\t\t\t<header class=\"post-title entry-header\">\n\t\t\t\t<aside class=\"post-meta cf\">\n\t\t27\/03\/2019 \/ <a href=\"https:\/\/www.psib-psoe.org\/mallorca\/category\/federacio-de-mallorca\/\" rel=\"category tag\">Federaci\u00f3 de Mallorca<\/a>, <a href=\"https:\/\/www.psib-psoe.org\/mallorca\/category\/municipis\/\" rel=\"category tag\">Municipis<\/a><\/aside>\n\t\t\t\t<h3 itemprop=\"headline\"><a href=\"https:\/\/www.psib-psoe.org\/mallorca\/abalos-el-psoe-es-lunic-partit-politic-que-te-un-projecte-per-a-espanya\/\" title=\"\u00c1balos: \u201cEl PSOE \u00e9s l\u2019\u00fanic partit pol\u00edtic que t\u00e9 un projecte per a Espanya\u201d\">\u00c1balos: \u201cEl PSOE \u00e9s l\u2019\u00fanic partit pol\u00edtic que t\u00e9 un projecte per a Espanya\u201d<\/a><\/h3>\n\t\t\t<\/header>\n\t\t<\/div>\n\t\t<div class=\"post-content\">\n\t\t\t<a href=\"https:\/\/www.psib-psoe.org\/mallorca\/abalos-el-psoe-es-lunic-partit-politic-que-te-un-projecte-per-a-espanya\/\" class=\"more-link\">Read More<\/a>\n\t\t<\/div>\n\t\t\t<aside class=\"post-bottom-meta hide\">\n\t\t<strong rel=\"author\" itemprop=\"author\" class=\"author vcard\"><span class=\"fn\">adminpsib<\/span><\/strong>\n\t\t<time class=\"date published time\" datetime=\"2019-03-27T11:34:25+02:00\" itemprop=\"datePublished\" content=\"2019-03-27T11:34:25+02:00\">27\/03\/2019<\/time>\n\t\t<meta itemprop=\"dateModified\" class=\"date updated\" content=\"2019-12-20T13:14:10+02:00\">\n\t\t<span class=\"hide\" itemprop=\"publisher\" itemscope itemtype=\"https:\/\/schema.org\/Organization\">\n\t\t\t<meta itemprop=\"name\" content=\"SocialistesdMca\">\n\t\t\t<span itemprop=\"logo\" itemscope itemtype=\"https:\/\/schema.org\/ImageObject\">\n\t\t\t\t<meta itemprop=\"url\" content=\"https:\/\/www.psib-psoe.org\/mallorca\/wp-content\/themes\/notio-wp\/assets\/img\/logo.png\">\n\t\t\t<\/span>\n\t\t\t<meta itemprop=\"url\" content=\"https:\/\/www.psib-psoe.org\/mallorca\/\">\n\t\t<\/span>\n\t\t\t\t<span class=\"hide\" itemprop=\"image\" itemscope itemtype=\"http:\/\/schema.org\/ImageObject\">\n\t\t\t<meta itemprop=\"url\" content=\"https:\/\/www.psib-psoe.org\/mallorca\/wp-content\/uploads\/francina-armengol-abalos-miting-candidats-corts-generals-2019.jpeg\">\n\t\t\t<meta itemprop=\"width\" content=\"1000\">\n\t\t\t<meta itemprop=\"height\" content=\"666\">\n\t\t<\/span>\n\t\t\t\t<meta itemscope itemprop=\"mainEntityOfPage\" itemtype=\"https:\/\/schema.org\/WebPage\" itemid=\"https:\/\/www.psib-psoe.org\/mallorca\/abalos-el-psoe-es-lunic-partit-politic-que-te-un-projecte-per-a-espanya\/\">\n\t<\/aside>\n\t\t<\/article>\n<\/div>\n<div class=\"small-12 large-4 columns\">\n\t<article itemscope itemtype=\"http:\/\/schema.org\/Article\" class=\"post blog-style7 alt post-23840 type-post status-publish format-standard has-post-thumbnail hentry category-federacio-de-mallorca category-municipis\" role=\"article\">\n\t\t<figure class=\"post-gallery\"><img loading=\"lazy\" decoding=\"async\" width=\"600\" height=\"400\" src=\"https:\/\/www.psib-psoe.org\/mallorca\/wp-content\/uploads\/xix-premi-maria-plaza-2019-600x400.jpeg\" class=\"attachment-notio-general-x2 size-notio-general-x2 wp-post-image\" alt=\"\" srcset=\"https:\/\/www.psib-psoe.org\/mallorca\/wp-content\/uploads\/xix-premi-maria-plaza-2019-600x400.jpeg 600w, https:\/\/www.psib-psoe.org\/mallorca\/wp-content\/uploads\/xix-premi-maria-plaza-2019-300x200.jpeg 300w, https:\/\/www.psib-psoe.org\/mallorca\/wp-content\/uploads\/xix-premi-maria-plaza-2019-900x600.jpeg 900w, https:\/\/www.psib-psoe.org\/mallorca\/wp-content\/uploads\/xix-premi-maria-plaza-2019-20x13.jpeg 20w\" sizes=\"(max-width: 600px) 100vw, 600px\" \/><\/figure>\n\t\t<div class=\"blog-top\">\n\t\t\t<header class=\"post-title entry-header\">\n\t\t\t\t<aside class=\"post-meta cf\">\n\t\t24\/03\/2019 \/ <a href=\"https:\/\/www.psib-psoe.org\/mallorca\/category\/federacio-de-mallorca\/\" rel=\"category tag\">Federaci\u00f3 de Mallorca<\/a>, <a href=\"https:\/\/www.psib-psoe.org\/mallorca\/category\/municipis\/\" rel=\"category tag\">Municipis<\/a><\/aside>\n\t\t\t\t<h3 itemprop=\"headline\"><a href=\"https:\/\/www.psib-psoe.org\/mallorca\/els-socialistes-de-mallorca-atorguen-el-premi-maria-plaza-2019-a-ladvocada-maria-duran-per-la-lluita-intensa-en-la-defensa-dels-drets-de-les-dones\/\" title=\"Els socialistes de Mallorca atorguen el premi Maria Plaza 2019 a l\u2019advocada Maria Duran per \u201cla lluita intensa en la defensa dels drets de les dones\u201d\">Els socialistes de Mallorca atorguen el premi Maria Plaza 2019 a l\u2019advocada Maria Duran per \u201cla lluita intensa en la defensa dels drets de les dones\u201d<\/a><\/h3>\n\t\t\t<\/header>\n\t\t<\/div>\n\t\t<div class=\"post-content\">\n\t\t\t<a href=\"https:\/\/www.psib-psoe.org\/mallorca\/els-socialistes-de-mallorca-atorguen-el-premi-maria-plaza-2019-a-ladvocada-maria-duran-per-la-lluita-intensa-en-la-defensa-dels-drets-de-les-dones\/\" class=\"more-link\">Read More<\/a>\n\t\t<\/div>\n\t\t\t<aside class=\"post-bottom-meta hide\">\n\t\t<strong rel=\"author\" itemprop=\"author\" class=\"author vcard\"><span class=\"fn\">adminpsib<\/span><\/strong>\n\t\t<time class=\"date published time\" datetime=\"2019-03-24T11:45:31+02:00\" itemprop=\"datePublished\" content=\"2019-03-24T11:45:31+02:00\">24\/03\/2019<\/time>\n\t\t<meta itemprop=\"dateModified\" class=\"date updated\" content=\"2019-12-20T13:15:38+02:00\">\n\t\t<span class=\"hide\" itemprop=\"publisher\" itemscope itemtype=\"https:\/\/schema.org\/Organization\">\n\t\t\t<meta itemprop=\"name\" content=\"SocialistesdMca\">\n\t\t\t<span itemprop=\"logo\" itemscope itemtype=\"https:\/\/schema.org\/ImageObject\">\n\t\t\t\t<meta itemprop=\"url\" content=\"https:\/\/www.psib-psoe.org\/mallorca\/wp-content\/themes\/notio-wp\/assets\/img\/logo.png\">\n\t\t\t<\/span>\n\t\t\t<meta itemprop=\"url\" content=\"https:\/\/www.psib-psoe.org\/mallorca\/\">\n\t\t<\/span>\n\t\t\t\t<span class=\"hide\" itemprop=\"image\" itemscope itemtype=\"http:\/\/schema.org\/ImageObject\">\n\t\t\t<meta itemprop=\"url\" content=\"https:\/\/www.psib-psoe.org\/mallorca\/wp-content\/uploads\/xix-premi-maria-plaza-2019.jpeg\">\n\t\t\t<meta itemprop=\"width\" content=\"1000\">\n\t\t\t<meta itemprop=\"height\" content=\"750\">\n\t\t<\/span>\n\t\t\t\t<meta itemscope itemprop=\"mainEntityOfPage\" itemtype=\"https:\/\/schema.org\/WebPage\" itemid=\"https:\/\/www.psib-psoe.org\/mallorca\/els-socialistes-de-mallorca-atorguen-el-premi-maria-plaza-2019-a-ladvocada-maria-duran-per-la-lluita-intensa-en-la-defensa-dels-drets-de-les-dones\/\">\n\t<\/aside>\n\t\t<\/article>\n<\/div>\n<div class=\"small-12 large-4 columns\">\n\t<article itemscope itemtype=\"http:\/\/schema.org\/Article\" class=\"post blog-style7 alt post-23922 type-post status-publish format-standard has-post-thumbnail hentry category-federacio-de-mallorca category-municipis\" role=\"article\">\n\t\t<figure class=\"post-gallery\"><img loading=\"lazy\" decoding=\"async\" width=\"600\" height=\"400\" src=\"https:\/\/www.psib-psoe.org\/mallorca\/wp-content\/uploads\/acte-conferencia-politica-cultura-febrer-2019-600x400.jpeg\" class=\"attachment-notio-general-x2 size-notio-general-x2 wp-post-image\" alt=\"\" srcset=\"https:\/\/www.psib-psoe.org\/mallorca\/wp-content\/uploads\/acte-conferencia-politica-cultura-febrer-2019-600x400.jpeg 600w, https:\/\/www.psib-psoe.org\/mallorca\/wp-content\/uploads\/acte-conferencia-politica-cultura-febrer-2019-300x200.jpeg 300w, https:\/\/www.psib-psoe.org\/mallorca\/wp-content\/uploads\/acte-conferencia-politica-cultura-febrer-2019-20x13.jpeg 20w, https:\/\/www.psib-psoe.org\/mallorca\/wp-content\/uploads\/acte-conferencia-politica-cultura-febrer-2019-900x600.jpeg 900w\" sizes=\"(max-width: 600px) 100vw, 600px\" \/><\/figure>\n\t\t<div class=\"blog-top\">\n\t\t\t<header class=\"post-title entry-header\">\n\t\t\t\t<aside class=\"post-meta cf\">\n\t\t14\/02\/2019 \/ <a href=\"https:\/\/www.psib-psoe.org\/mallorca\/category\/federacio-de-mallorca\/\" rel=\"category tag\">Federaci\u00f3 de Mallorca<\/a>, <a href=\"https:\/\/www.psib-psoe.org\/mallorca\/category\/municipis\/\" rel=\"category tag\">Municipis<\/a><\/aside>\n\t\t\t\t<h3 itemprop=\"headline\"><a href=\"https:\/\/www.psib-psoe.org\/mallorca\/xisco-duarte-la-politica-ha-destar-al-servei-de-la-cultura-i-es-fonamental-que-facem-feina-cap-a-aquesta-direccio\/\" title=\"Xisco Duarte: \u201cLa pol\u00edtica ha d\u2019estar al servei de la cultura i \u00e9s fonamental que facem feina cap a aquesta direcci\u00f3\u201d\">Xisco Duarte: \u201cLa pol\u00edtica ha d\u2019estar al servei de la cultura i \u00e9s fonamental que facem feina cap a aquesta direcci\u00f3\u201d<\/a><\/h3>\n\t\t\t<\/header>\n\t\t<\/div>\n\t\t<div class=\"post-content\">\n\t\t\t<a href=\"https:\/\/www.psib-psoe.org\/mallorca\/xisco-duarte-la-politica-ha-destar-al-servei-de-la-cultura-i-es-fonamental-que-facem-feina-cap-a-aquesta-direccio\/\" class=\"more-link\">Read More<\/a>\n\t\t<\/div>\n\t\t\t<aside class=\"post-bottom-meta hide\">\n\t\t<strong rel=\"author\" itemprop=\"author\" class=\"author vcard\"><span class=\"fn\">adminpsib<\/span><\/strong>\n\t\t<time class=\"date published time\" datetime=\"2019-02-14T11:57:41+02:00\" itemprop=\"datePublished\" content=\"2019-02-14T11:57:41+02:00\">14\/02\/2019<\/time>\n\t\t<meta itemprop=\"dateModified\" class=\"date updated\" content=\"2020-01-08T14:57:51+02:00\">\n\t\t<span class=\"hide\" itemprop=\"publisher\" itemscope itemtype=\"https:\/\/schema.org\/Organization\">\n\t\t\t<meta itemprop=\"name\" content=\"SocialistesdMca\">\n\t\t\t<span itemprop=\"logo\" itemscope itemtype=\"https:\/\/schema.org\/ImageObject\">\n\t\t\t\t<meta itemprop=\"url\" content=\"https:\/\/www.psib-psoe.org\/mallorca\/wp-content\/themes\/notio-wp\/assets\/img\/logo.png\">\n\t\t\t<\/span>\n\t\t\t<meta itemprop=\"url\" content=\"https:\/\/www.psib-psoe.org\/mallorca\/\">\n\t\t<\/span>\n\t\t\t\t<span class=\"hide\" itemprop=\"image\" itemscope itemtype=\"http:\/\/schema.org\/ImageObject\">\n\t\t\t<meta itemprop=\"url\" content=\"https:\/\/www.psib-psoe.org\/mallorca\/wp-content\/uploads\/acte-conferencia-politica-cultura-febrer-2019.jpeg\">\n\t\t\t<meta itemprop=\"width\" content=\"1000\">\n\t\t\t<meta itemprop=\"height\" content=\"696\">\n\t\t<\/span>\n\t\t\t\t<meta itemscope itemprop=\"mainEntityOfPage\" itemtype=\"https:\/\/schema.org\/WebPage\" itemid=\"https:\/\/www.psib-psoe.org\/mallorca\/xisco-duarte-la-politica-ha-destar-al-servei-de-la-cultura-i-es-fonamental-que-facem-feina-cap-a-aquesta-direccio\/\">\n\t<\/aside>\n\t\t<\/article>\n<\/div>\n<div class=\"small-12 large-4 columns\">\n\t<article itemscope itemtype=\"http:\/\/schema.org\/Article\" class=\"post blog-style7 alt post-23933 type-post status-publish format-standard has-post-thumbnail hentry category-federacio-de-mallorca\" role=\"article\">\n\t\t<figure class=\"post-gallery\"><img loading=\"lazy\" decoding=\"async\" width=\"600\" height=\"400\" src=\"https:\/\/www.psib-psoe.org\/mallorca\/wp-content\/uploads\/consell-politic-mallorca-28-gener-2019-600x400.jpeg\" class=\"attachment-notio-general-x2 size-notio-general-x2 wp-post-image\" alt=\"\" srcset=\"https:\/\/www.psib-psoe.org\/mallorca\/wp-content\/uploads\/consell-politic-mallorca-28-gener-2019-600x400.jpeg 600w, https:\/\/www.psib-psoe.org\/mallorca\/wp-content\/uploads\/consell-politic-mallorca-28-gener-2019-300x200.jpeg 300w, https:\/\/www.psib-psoe.org\/mallorca\/wp-content\/uploads\/consell-politic-mallorca-28-gener-2019-900x600.jpeg 900w, https:\/\/www.psib-psoe.org\/mallorca\/wp-content\/uploads\/consell-politic-mallorca-28-gener-2019-20x13.jpeg 20w\" sizes=\"(max-width: 600px) 100vw, 600px\" \/><\/figure>\n\t\t<div class=\"blog-top\">\n\t\t\t<header class=\"post-title entry-header\">\n\t\t\t\t<aside class=\"post-meta cf\">\n\t\t28\/01\/2019 \/ <a href=\"https:\/\/www.psib-psoe.org\/mallorca\/category\/federacio-de-mallorca\/\" rel=\"category tag\">Federaci\u00f3 de Mallorca<\/a><\/aside>\n\t\t\t\t<h3 itemprop=\"headline\"><a href=\"https:\/\/www.psib-psoe.org\/mallorca\/cladera-es-presenta-al-consell-de-mallorca-amb-lobjectiu-de-presidir-la-institucio-i-consolidar-les-politiques-engegades-aquesta-legislatura\/\" title=\"Cladera es presenta al Consell de Mallorca amb l\u2019objectiu de presidir la instituci\u00f3 i consolidar les pol\u00edtiques engegades aquesta legislatura\">Cladera es presenta al Consell de Mallorca amb l\u2019objectiu de presidir la instituci\u00f3 i consolidar les pol\u00edtiques engegades aquesta legislatura<\/a><\/h3>\n\t\t\t<\/header>\n\t\t<\/div>\n\t\t<div class=\"post-content\">\n\t\t\t<a href=\"https:\/\/www.psib-psoe.org\/mallorca\/cladera-es-presenta-al-consell-de-mallorca-amb-lobjectiu-de-presidir-la-institucio-i-consolidar-les-politiques-engegades-aquesta-legislatura\/\" class=\"more-link\">Read More<\/a>\n\t\t<\/div>\n\t\t\t<aside class=\"post-bottom-meta hide\">\n\t\t<strong rel=\"author\" itemprop=\"author\" class=\"author vcard\"><span class=\"fn\">adminpsib<\/span><\/strong>\n\t\t<time class=\"date published time\" datetime=\"2019-01-28T12:57:07+02:00\" itemprop=\"datePublished\" content=\"2019-01-28T12:57:07+02:00\">28\/01\/2019<\/time>\n\t\t<meta itemprop=\"dateModified\" class=\"date updated\" content=\"2020-01-08T14:57:59+02:00\">\n\t\t<span class=\"hide\" itemprop=\"publisher\" itemscope itemtype=\"https:\/\/schema.org\/Organization\">\n\t\t\t<meta itemprop=\"name\" content=\"SocialistesdMca\">\n\t\t\t<span itemprop=\"logo\" itemscope itemtype=\"https:\/\/schema.org\/ImageObject\">\n\t\t\t\t<meta itemprop=\"url\" content=\"https:\/\/www.psib-psoe.org\/mallorca\/wp-content\/themes\/notio-wp\/assets\/img\/logo.png\">\n\t\t\t<\/span>\n\t\t\t<meta itemprop=\"url\" content=\"https:\/\/www.psib-psoe.org\/mallorca\/\">\n\t\t<\/span>\n\t\t\t\t<span class=\"hide\" itemprop=\"image\" itemscope itemtype=\"http:\/\/schema.org\/ImageObject\">\n\t\t\t<meta itemprop=\"url\" content=\"https:\/\/www.psib-psoe.org\/mallorca\/wp-content\/uploads\/consell-politic-mallorca-28-gener-2019.jpeg\">\n\t\t\t<meta itemprop=\"width\" content=\"1000\">\n\t\t\t<meta itemprop=\"height\" content=\"750\">\n\t\t<\/span>\n\t\t\t\t<meta itemscope itemprop=\"mainEntityOfPage\" itemtype=\"https:\/\/schema.org\/WebPage\" itemid=\"https:\/\/www.psib-psoe.org\/mallorca\/cladera-es-presenta-al-consell-de-mallorca-amb-lobjectiu-de-presidir-la-institucio-i-consolidar-les-politiques-engegades-aquesta-legislatura\/\">\n\t<\/aside>\n\t\t<\/article>\n<\/div>\n<div class=\"small-12 large-4 columns\">\n\t<article itemscope itemtype=\"http:\/\/schema.org\/Article\" class=\"post blog-style7 alt post-23943 type-post status-publish format-standard has-post-thumbnail hentry category-federacio-de-mallorca\" role=\"article\">\n\t\t<figure class=\"post-gallery\"><img loading=\"lazy\" decoding=\"async\" width=\"600\" height=\"400\" src=\"https:\/\/www.psib-psoe.org\/mallorca\/wp-content\/uploads\/catalina-cladera-presentacio-avals-candidatura-consell-mallorca-2019-600x400.jpeg\" class=\"attachment-notio-general-x2 size-notio-general-x2 wp-post-image\" alt=\"\" srcset=\"https:\/\/www.psib-psoe.org\/mallorca\/wp-content\/uploads\/catalina-cladera-presentacio-avals-candidatura-consell-mallorca-2019-600x400.jpeg 600w, https:\/\/www.psib-psoe.org\/mallorca\/wp-content\/uploads\/catalina-cladera-presentacio-avals-candidatura-consell-mallorca-2019-300x200.jpeg 300w, https:\/\/www.psib-psoe.org\/mallorca\/wp-content\/uploads\/catalina-cladera-presentacio-avals-candidatura-consell-mallorca-2019-900x600.jpeg 900w, https:\/\/www.psib-psoe.org\/mallorca\/wp-content\/uploads\/catalina-cladera-presentacio-avals-candidatura-consell-mallorca-2019-20x13.jpeg 20w\" sizes=\"(max-width: 600px) 100vw, 600px\" \/><\/figure>\n\t\t<div class=\"blog-top\">\n\t\t\t<header class=\"post-title entry-header\">\n\t\t\t\t<aside class=\"post-meta cf\">\n\t\t23\/01\/2019 \/ <a href=\"https:\/\/www.psib-psoe.org\/mallorca\/category\/federacio-de-mallorca\/\" rel=\"category tag\">Federaci\u00f3 de Mallorca<\/a><\/aside>\n\t\t\t\t<h3 itemprop=\"headline\"><a href=\"https:\/\/www.psib-psoe.org\/mallorca\/catalina-cladera-lliura-els-avals-per-convertir-se-oficialment-en-la-candidata-socialista-al-consell-de-mallorca\/\" title=\"Catalina Cladera lliura els avals per convertir-se oficialment en la candidata socialista al Consell de Mallorca\">Catalina Cladera lliura els avals per convertir-se oficialment en la candidata socialista al Consell de Mallorca<\/a><\/h3>\n\t\t\t<\/header>\n\t\t<\/div>\n\t\t<div class=\"post-content\">\n\t\t\t<a href=\"https:\/\/www.psib-psoe.org\/mallorca\/catalina-cladera-lliura-els-avals-per-convertir-se-oficialment-en-la-candidata-socialista-al-consell-de-mallorca\/\" class=\"more-link\">Read More<\/a>\n\t\t<\/div>\n\t\t\t<aside class=\"post-bottom-meta hide\">\n\t\t<strong rel=\"author\" itemprop=\"author\" class=\"author vcard\"><span class=\"fn\">adminpsib<\/span><\/strong>\n\t\t<time class=\"date published time\" datetime=\"2019-01-23T11:06:37+02:00\" itemprop=\"datePublished\" content=\"2019-01-23T11:06:37+02:00\">23\/01\/2019<\/time>\n\t\t<meta itemprop=\"dateModified\" class=\"date updated\" content=\"2020-01-08T14:58:07+02:00\">\n\t\t<span class=\"hide\" itemprop=\"publisher\" itemscope itemtype=\"https:\/\/schema.org\/Organization\">\n\t\t\t<meta itemprop=\"name\" content=\"SocialistesdMca\">\n\t\t\t<span itemprop=\"logo\" itemscope itemtype=\"https:\/\/schema.org\/ImageObject\">\n\t\t\t\t<meta itemprop=\"url\" content=\"https:\/\/www.psib-psoe.org\/mallorca\/wp-content\/themes\/notio-wp\/assets\/img\/logo.png\">\n\t\t\t<\/span>\n\t\t\t<meta itemprop=\"url\" content=\"https:\/\/www.psib-psoe.org\/mallorca\/\">\n\t\t<\/span>\n\t\t\t\t<span class=\"hide\" itemprop=\"image\" itemscope itemtype=\"http:\/\/schema.org\/ImageObject\">\n\t\t\t<meta itemprop=\"url\" content=\"https:\/\/www.psib-psoe.org\/mallorca\/wp-content\/uploads\/catalina-cladera-presentacio-avals-candidatura-consell-mallorca-2019.jpeg\">\n\t\t\t<meta itemprop=\"width\" content=\"1000\">\n\t\t\t<meta itemprop=\"height\" content=\"771\">\n\t\t<\/span>\n\t\t\t\t<meta itemscope itemprop=\"mainEntityOfPage\" itemtype=\"https:\/\/schema.org\/WebPage\" itemid=\"https:\/\/www.psib-psoe.org\/mallorca\/catalina-cladera-lliura-els-avals-per-convertir-se-oficialment-en-la-candidata-socialista-al-consell-de-mallorca\/\">\n\t<\/aside>\n\t\t<\/article>\n<\/div>\n<div class=\"small-12 large-4 columns\">\n\t<article itemscope itemtype=\"http:\/\/schema.org\/Article\" class=\"post blog-style7 alt post-24467 type-post status-publish format-standard has-post-thumbnail hentry category-federacio-de-mallorca category-municipis\" role=\"article\">\n\t\t<figure class=\"post-gallery\"><img loading=\"lazy\" decoding=\"async\" width=\"600\" height=\"400\" src=\"https:\/\/www.psib-psoe.org\/mallorca\/wp-content\/uploads\/presentacio-a-palma-de-catalina-cladera-candidata-consell-gener-2019-600x400.jpeg\" class=\"attachment-notio-general-x2 size-notio-general-x2 wp-post-image\" alt=\"\" srcset=\"https:\/\/www.psib-psoe.org\/mallorca\/wp-content\/uploads\/presentacio-a-palma-de-catalina-cladera-candidata-consell-gener-2019-600x400.jpeg 600w, https:\/\/www.psib-psoe.org\/mallorca\/wp-content\/uploads\/presentacio-a-palma-de-catalina-cladera-candidata-consell-gener-2019-300x200.jpeg 300w, https:\/\/www.psib-psoe.org\/mallorca\/wp-content\/uploads\/presentacio-a-palma-de-catalina-cladera-candidata-consell-gener-2019-900x600.jpeg 900w, https:\/\/www.psib-psoe.org\/mallorca\/wp-content\/uploads\/presentacio-a-palma-de-catalina-cladera-candidata-consell-gener-2019-20x13.jpeg 20w\" sizes=\"(max-width: 600px) 100vw, 600px\" \/><\/figure>\n\t\t<div class=\"blog-top\">\n\t\t\t<header class=\"post-title entry-header\">\n\t\t\t\t<aside class=\"post-meta cf\">\n\t\t18\/01\/2019 \/ <a href=\"https:\/\/www.psib-psoe.org\/mallorca\/category\/federacio-de-mallorca\/\" rel=\"category tag\">Federaci\u00f3 de Mallorca<\/a>, <a href=\"https:\/\/www.psib-psoe.org\/mallorca\/category\/municipis\/\" rel=\"category tag\">Municipis<\/a><\/aside>\n\t\t\t\t<h3 itemprop=\"headline\"><a href=\"https:\/\/www.psib-psoe.org\/mallorca\/catalina-cladera-presenta-als-militants-de-palma-la-seva-proposta-basada-en-el-municipalisme-per-a-la-institucio-insular\/\" title=\"Catalina Cladera presenta als militants de Palma la seva proposta \u201cbasada en el municipalisme\u201d per a la instituci\u00f3 insular\">Catalina Cladera presenta als militants de Palma la seva proposta \u201cbasada en el municipalisme\u201d per a la instituci\u00f3 insular<\/a><\/h3>\n\t\t\t<\/header>\n\t\t<\/div>\n\t\t<div class=\"post-content\">\n\t\t\t<a href=\"https:\/\/www.psib-psoe.org\/mallorca\/catalina-cladera-presenta-als-militants-de-palma-la-seva-proposta-basada-en-el-municipalisme-per-a-la-institucio-insular\/\" class=\"more-link\">Read More<\/a>\n\t\t<\/div>\n\t\t\t<aside class=\"post-bottom-meta hide\">\n\t\t<strong rel=\"author\" itemprop=\"author\" class=\"author vcard\"><span class=\"fn\">adminpsib<\/span><\/strong>\n\t\t<time class=\"date published time\" datetime=\"2019-01-18T12:20:49+02:00\" itemprop=\"datePublished\" content=\"2019-01-18T12:20:49+02:00\">18\/01\/2019<\/time>\n\t\t<meta itemprop=\"dateModified\" class=\"date updated\" content=\"2020-01-08T14:58:14+02:00\">\n\t\t<span class=\"hide\" itemprop=\"publisher\" itemscope itemtype=\"https:\/\/schema.org\/Organization\">\n\t\t\t<meta itemprop=\"name\" content=\"SocialistesdMca\">\n\t\t\t<span itemprop=\"logo\" itemscope itemtype=\"https:\/\/schema.org\/ImageObject\">\n\t\t\t\t<meta itemprop=\"url\" content=\"https:\/\/www.psib-psoe.org\/mallorca\/wp-content\/themes\/notio-wp\/assets\/img\/logo.png\">\n\t\t\t<\/span>\n\t\t\t<meta itemprop=\"url\" content=\"https:\/\/www.psib-psoe.org\/mallorca\/\">\n\t\t<\/span>\n\t\t\t\t<span class=\"hide\" itemprop=\"image\" itemscope itemtype=\"http:\/\/schema.org\/ImageObject\">\n\t\t\t<meta itemprop=\"url\" content=\"https:\/\/www.psib-psoe.org\/mallorca\/wp-content\/uploads\/presentacio-a-palma-de-catalina-cladera-candidata-consell-gener-2019.jpeg\">\n\t\t\t<meta itemprop=\"width\" content=\"1000\">\n\t\t\t<meta itemprop=\"height\" content=\"774\">\n\t\t<\/span>\n\t\t\t\t<meta itemscope itemprop=\"mainEntityOfPage\" itemtype=\"https:\/\/schema.org\/WebPage\" itemid=\"https:\/\/www.psib-psoe.org\/mallorca\/catalina-cladera-presenta-als-militants-de-palma-la-seva-proposta-basada-en-el-municipalisme-per-a-la-institucio-insular\/\">\n\t<\/aside>\n\t\t<\/article>\n<\/div>\n\t<\/div>\n\t[vc_btn title=&#8221;Veure m\u00e9s not\u00edcies&#8221; style=&#8221;outline-custom&#8221; outline_custom_color=&#8221;#e20025&#8243; outline_custom_hover_background=&#8221;#e20025&#8243; outline_custom_hover_text=&#8221;#ffffff&#8221; shape=&#8221;square&#8221; align=&#8221;center&#8221; link=&#8221;url:http%3A%2F%2Fwww.psib-psoe.org%2Fhemeroteca%2Findex.php%2Ffederacio%2Fquefem%2Factualitat-politica-mallorca||target:%20_blank|&#8221;][\/vc_column][\/vc_row]\n<\/div>","protected":false},"excerpt":{"rendered":"<p>[vc_row content_placement=&#8221;bottom&#8221;][vc_column][vc_empty_space height=&#8221;100px&#8221;][vc_column_text css=&#8221;.vc_custom_1575886031918{padding-left: 15px !important;}&#8221;] Actualitat: Federaci\u00f3 de Mallorca [\/vc_column_text][vc_separator color=&#8221;custom&#8221; align=&#8221;align_left&#8221; border_width=&#8221;3&#8243; el_width=&#8221;10&#8243; accent_color=&#8221;#e30613&#8243; css=&#8221;.vc_custom_1527088004802{padding-top: 10px !important;padding-left: 15px !important;}&#8221;][vc_empty_space height=&#8221;60px&#8221;][vc_wp_custommenu nav_menu=&#8221;67&#8243; el_class=&#8221;filtros&#8221;][vc_btn title=&#8221;Veure m\u00e9s not\u00edcies&#8221; style=&#8221;outline-custom&#8221; outline_custom_color=&#8221;#e20025&#8243; outline_custom_hover_background=&#8221;#e20025&#8243; outline_custom_hover_text=&#8221;#ffffff&#8221; shape=&#8221;square&#8221; align=&#8221;center&#8221; link=&#8221;url:http%3A%2F%2Fwww.psib-psoe.org%2Fhemeroteca%2Findex.php%2Ffederacio%2Fquefem%2Factualitat-politica-mallorca||target:%20_blank|&#8221;][\/vc_column][\/vc_row]<\/p>\n","protected":false},"author":1,"featured_media":0,"parent":0,"menu_order":0,"comment_status":"closed","ping_status":"closed","template":"","meta":{"footnotes":""},"class_list":["post-23890","page","type-page","status-publish","hentry"],"_links":{"self":[{"href":"https:\/\/www.psib-psoe.org\/mallorca\/wp-json\/wp\/v2\/pages\/23890"}],"collection":[{"href":"https:\/\/www.psib-psoe.org\/mallorca\/wp-json\/wp\/v2\/pages"}],"about":[{"href":"https:\/\/www.psib-psoe.org\/mallorca\/wp-json\/wp\/v2\/types\/page"}],"author":[{"embeddable":true,"href":"https:\/\/www.psib-psoe.org\/mallorca\/wp-json\/wp\/v2\/users\/1"}],"replies":[{"embeddable":true,"href":"https:\/\/www.psib-psoe.org\/mallorca\/wp-json\/wp\/v2\/comments?post=23890"}],"version-history":[{"count":0,"href":"https:\/\/www.psib-psoe.org\/mallorca\/wp-json\/wp\/v2\/pages\/23890\/revisions"}],"wp:attachment":[{"href":"https:\/\/www.psib-psoe.org\/mallorca\/wp-json\/wp\/v2\/media?parent=23890"}],"curies":[{"name":"wp","href":"https:\/\/api.w.org\/{rel}","templated":true}]}}