{"id":24649,"date":"2020-01-09T15:08:48","date_gmt":"2020-01-09T13:08:48","guid":{"rendered":"http:\/\/www.psib-psoe.org\/mallorca\/?page_id=24649"},"modified":"2026-04-20T13:24:53","modified_gmt":"2026-04-20T11:24:53","slug":"bunyola","status":"publish","type":"page","link":"https:\/\/www.psib-psoe.org\/mallorca\/municipis\/bunyola\/","title":{"rendered":"Agrupaci\u00f3 Socialista de Bunyola"},"content":{"rendered":"<div class=\"wpb-content-wrapper\">[vc_row thb_full_width=&#8221;true&#8221; css=&#8221;.vc_custom_1576835719398{padding-top: 1% !important;padding-bottom: 1% !important;background-color: #e30613 !important;}&#8221;][vc_column][vc_column_text]\n<h2 style=\"color: #fff; text-align: center;\">Agrupaci\u00f3 Socialista de Bunyola<\/h2>\n[\/vc_column_text][\/vc_column][\/vc_row][vc_row][vc_column width=&#8221;1\/2&#8243;][vc_empty_space][vc_single_image img_size=&#8221;full&#8221; css=&#8221;&#8221;][\/vc_column][vc_column width=&#8221;1\/2&#8243;][vc_empty_space][vc_column_text]\n<h4 class=\"bold\">Secretaria General<\/h4>\n[\/vc_column_text][vc_column_text]\n<h5 class=\"bold\">Carles Bona Garc\u00eda<\/h5>\n[\/vc_column_text][vc_empty_space][vc_column_text]\n<h4 class=\"bold\">Secretaria d&#8217;Organitzaci\u00f3<\/h4>\n[\/vc_column_text][vc_column_text]\n<h6 class=\"bold\">Paca Orell Salom<\/h6>\n[\/vc_column_text][vc_empty_space][vc_text_separator title=&#8221;Contacta amb l&#8217;agrupaci\u00f3&#8221; title_align=&#8221;separator_align_left&#8221; color=&#8221;custom&#8221; accent_color=&#8221;#e20025&#8243;][vc_column_text]<a href=\"mailto:mallorca@psib-psoe.org\" target=\"_blank\" rel=\"noopener noreferrer\">mallorca@psib-psoe.org<\/a><\/p>\n<p><a href=\"https:\/\/www.facebook.com\/PsibBunyola\/?__tn__=%2Cd%2CP-R&amp;eid=ARDeU26zVFTEXMBs6D7fwpIwXrSa1iGJQtvrU_YHITo68O6D3BhXvm32ylP2iZu_kk8fX0cX_eb62Gku\" target=\"_blank\" rel=\"noopener noreferrer\"><img loading=\"lazy\" decoding=\"async\" class=\"alignnone size-full wp-image-24591\" src=\"http:\/\/www.psib-psoe.org\/mallorca\/wp-content\/uploads\/facebook2.png\" alt=\"\" width=\"14\" height=\"20\" \/><\/a><br \/>\n<a href=\"https:\/\/twitter.com\/PsibBunyola\" target=\"_blank\" rel=\"noopener noreferrer\"><img loading=\"lazy\" decoding=\"async\" class=\"alignnone size-medium wp-image-24593\" src=\"http:\/\/www.psib-psoe.org\/mallorca\/wp-content\/uploads\/twitter1.png\" alt=\"\" width=\"20\" height=\"20\" \/><\/a>[\/vc_column_text][\/vc_column][\/vc_row][vc_row][vc_column][vc_empty_space][vc_column_text css=&#8221;&#8221;]\n<h3>Regidors Bunyola<\/h3>\n<p><strong>1. Carles Bona Garcia<\/strong><\/p>\n<p class=\"p1\">Portaveu<\/p>\n<p><strong>2. Paca Orell Salom<\/strong>[\/vc_column_text][vc_empty_space][\/vc_column][\/vc_row][vc_row][vc_column][vc_empty_space][vc_column_text]\n<h2 style=\"color: #e30613;\">Not\u00edcies <span class=\"bold\">dels municipis<\/span><\/h2>\n[\/vc_column_text][vc_separator color=&#8221;custom&#8221; align=&#8221;align_left&#8221; border_width=&#8221;3&#8243; el_width=&#8221;10&#8243; accent_color=&#8221;#e30613&#8243;][vc_empty_space]\t<div class=\"posts-shortcode align-stretch blog-listing-style8 row \">\n\t\t<div class=\"small-12 large-4 columns\">\n\t<article itemscope itemtype=\"http:\/\/schema.org\/Article\" class=\"post blog-style7 alt post-31428 type-post status-publish format-standard has-post-thumbnail hentry category-federacio-de-mallorca category-federacio-de-mallorca-portada category-municipis category-portada tag-amanda-fernandez tag-ares-fernandez tag-bea-gamundi tag-cataliina-cladera tag-catalina-cladera tag-federacio-socialista-de-mallorca tag-iago-negueruela tag-jaume-mateu tag-joana-maria-adrover tag-psib-psoe\" role=\"article\">\n\t\t<figure class=\"post-gallery\"><img loading=\"lazy\" decoding=\"async\" width=\"600\" height=\"400\" src=\"https:\/\/www.psib-psoe.org\/mallorca\/wp-content\/uploads\/Ple-120226-2-edited-600x400.jpeg\" class=\"attachment-notio-general-x2 size-notio-general-x2 wp-post-image\" alt=\"\" srcset=\"https:\/\/www.psib-psoe.org\/mallorca\/wp-content\/uploads\/Ple-120226-2-edited-600x400.jpeg 600w, https:\/\/www.psib-psoe.org\/mallorca\/wp-content\/uploads\/Ple-120226-2-edited-300x200.jpeg 300w, https:\/\/www.psib-psoe.org\/mallorca\/wp-content\/uploads\/Ple-120226-2-edited-900x600.jpeg 900w, https:\/\/www.psib-psoe.org\/mallorca\/wp-content\/uploads\/Ple-120226-2-edited-20x13.jpeg 20w\" sizes=\"(max-width: 600px) 100vw, 600px\" \/><\/figure>\n\t\t<div class=\"blog-top\">\n\t\t\t<header class=\"post-title entry-header\">\n\t\t\t\t<aside class=\"post-meta cf\">\n\t\t27\/04\/2026 \/ <a href=\"https:\/\/www.psib-psoe.org\/mallorca\/category\/federacio-de-mallorca\/\" rel=\"category tag\">Federaci\u00f3 de Mallorca<\/a>, <a href=\"https:\/\/www.psib-psoe.org\/mallorca\/category\/federacio-de-mallorca-portada\/\" rel=\"category tag\">Federaci\u00f3 de Mallorca - Portada<\/a>, <a href=\"https:\/\/www.psib-psoe.org\/mallorca\/category\/municipis\/\" rel=\"category tag\">Municipis<\/a>, <a href=\"https:\/\/www.psib-psoe.org\/mallorca\/category\/portada\/\" rel=\"category tag\">Portada<\/a><\/aside>\n\t\t\t\t<h3 itemprop=\"headline\"><a href=\"https:\/\/www.psib-psoe.org\/mallorca\/ppvox-al-consell-vol-aprovar-les-mesures-racistes-descut-social-en-un-ple-extraordinari-convocat-per-dema-dimarts\/\" title=\"PPVox al Consell vol aprovar les mesures racistes d\u2019escut social en un ple extraordinari convocat per dem\u00e0 dimarts.\">PPVox al Consell vol aprovar les mesures racistes d\u2019escut social en un ple extraordinari convocat per dem\u00e0 dimarts.<\/a><\/h3>\n\t\t\t<\/header>\n\t\t<\/div>\n\t\t<div class=\"post-content\">\n\t\t\t<a href=\"https:\/\/www.psib-psoe.org\/mallorca\/ppvox-al-consell-vol-aprovar-les-mesures-racistes-descut-social-en-un-ple-extraordinari-convocat-per-dema-dimarts\/\" class=\"more-link\">Read More<\/a>\n\t\t<\/div>\n\t\t\t<aside class=\"post-bottom-meta hide\">\n\t\t<strong rel=\"author\" itemprop=\"author\" class=\"author vcard\"><span class=\"fn\">Albert<\/span><\/strong>\n\t\t<time class=\"date published time\" datetime=\"2026-04-27T17:06:03+02:00\" itemprop=\"datePublished\" content=\"2026-04-27T17:06:03+02:00\">6 hores ago<\/time>\n\t\t<meta itemprop=\"dateModified\" class=\"date updated\" content=\"2026-04-27T17:06:05+02:00\">\n\t\t<span class=\"hide\" itemprop=\"publisher\" itemscope itemtype=\"https:\/\/schema.org\/Organization\">\n\t\t\t<meta itemprop=\"name\" content=\"SocialistesdMca\">\n\t\t\t<span itemprop=\"logo\" itemscope itemtype=\"https:\/\/schema.org\/ImageObject\">\n\t\t\t\t<meta itemprop=\"url\" content=\"https:\/\/www.psib-psoe.org\/mallorca\/wp-content\/themes\/notio-wp\/assets\/img\/logo.png\">\n\t\t\t<\/span>\n\t\t\t<meta itemprop=\"url\" content=\"https:\/\/www.psib-psoe.org\/mallorca\/\">\n\t\t<\/span>\n\t\t\t\t<span class=\"hide\" itemprop=\"image\" itemscope itemtype=\"http:\/\/schema.org\/ImageObject\">\n\t\t\t<meta itemprop=\"url\" content=\"https:\/\/www.psib-psoe.org\/mallorca\/wp-content\/uploads\/Ple-120226-2-edited.jpeg\">\n\t\t\t<meta itemprop=\"width\" content=\"1600\">\n\t\t\t<meta itemprop=\"height\" content=\"900\">\n\t\t<\/span>\n\t\t\t\t<meta itemscope itemprop=\"mainEntityOfPage\" itemtype=\"https:\/\/schema.org\/WebPage\" itemid=\"https:\/\/www.psib-psoe.org\/mallorca\/ppvox-al-consell-vol-aprovar-les-mesures-racistes-descut-social-en-un-ple-extraordinari-convocat-per-dema-dimarts\/\">\n\t<\/aside>\n\t\t<\/article>\n<\/div>\n<div class=\"small-12 large-4 columns\">\n\t<article itemscope itemtype=\"http:\/\/schema.org\/Article\" class=\"post blog-style7 alt post-31424 type-post status-publish format-standard has-post-thumbnail hentry category-federacio-de-mallorca category-federacio-de-mallorca-portada category-municipis category-portada tag-amanda-fernandez tag-ares-fernandez tag-bea-gamundi tag-cataliina-cladera tag-catalina-cladera tag-federacio-socialista-de-mallorca tag-iago-negueruela tag-jaume-mateu tag-psib-psoe\" role=\"article\">\n\t\t<figure class=\"post-gallery\"><img loading=\"lazy\" decoding=\"async\" width=\"600\" height=\"400\" src=\"https:\/\/www.psib-psoe.org\/mallorca\/wp-content\/uploads\/Reunio-escut-social-Govern-600x400.jpeg\" class=\"attachment-notio-general-x2 size-notio-general-x2 wp-post-image\" alt=\"\" srcset=\"https:\/\/www.psib-psoe.org\/mallorca\/wp-content\/uploads\/Reunio-escut-social-Govern-600x400.jpeg 600w, https:\/\/www.psib-psoe.org\/mallorca\/wp-content\/uploads\/Reunio-escut-social-Govern-300x200.jpeg 300w, https:\/\/www.psib-psoe.org\/mallorca\/wp-content\/uploads\/Reunio-escut-social-Govern-900x600.jpeg 900w, https:\/\/www.psib-psoe.org\/mallorca\/wp-content\/uploads\/Reunio-escut-social-Govern-20x13.jpeg 20w\" sizes=\"(max-width: 600px) 100vw, 600px\" \/><\/figure>\n\t\t<div class=\"blog-top\">\n\t\t\t<header class=\"post-title entry-header\">\n\t\t\t\t<aside class=\"post-meta cf\">\n\t\t27\/04\/2026 \/ <a href=\"https:\/\/www.psib-psoe.org\/mallorca\/category\/federacio-de-mallorca\/\" rel=\"category tag\">Federaci\u00f3 de Mallorca<\/a>, <a href=\"https:\/\/www.psib-psoe.org\/mallorca\/category\/federacio-de-mallorca-portada\/\" rel=\"category tag\">Federaci\u00f3 de Mallorca - Portada<\/a>, <a href=\"https:\/\/www.psib-psoe.org\/mallorca\/category\/municipis\/\" rel=\"category tag\">Municipis<\/a>, <a href=\"https:\/\/www.psib-psoe.org\/mallorca\/category\/portada\/\" rel=\"category tag\">Portada<\/a><\/aside>\n\t\t\t\t<h3 itemprop=\"headline\"><a href=\"https:\/\/www.psib-psoe.org\/mallorca\/el-psib-psoe-veu-molt-dificil-donar-suport-a-cap-mesura-descut-social-discriminatoria-i-racista-que-deixi-persones-desprotegides-i-presenta-un-conjunt-de-mesures-alte\/\" title=\"El PSIB PSOE veu \u201cmolt dif\u00edcil\u201c donar suport a cap mesura d\u2019escut social \u00a0discriminat\u00f2ria i racista que deixi persones desprotegides, i presenta un conjunt de mesures alternatives al Govern.\">El PSIB PSOE veu \u201cmolt dif\u00edcil\u201c donar suport a cap mesura d\u2019escut social \u00a0discriminat\u00f2ria i racista que deixi persones desprotegides, i presenta un conjunt de mesures alternatives al Govern.<\/a><\/h3>\n\t\t\t<\/header>\n\t\t<\/div>\n\t\t<div class=\"post-content\">\n\t\t\t<a href=\"https:\/\/www.psib-psoe.org\/mallorca\/el-psib-psoe-veu-molt-dificil-donar-suport-a-cap-mesura-descut-social-discriminatoria-i-racista-que-deixi-persones-desprotegides-i-presenta-un-conjunt-de-mesures-alte\/\" class=\"more-link\">Read More<\/a>\n\t\t<\/div>\n\t\t\t<aside class=\"post-bottom-meta hide\">\n\t\t<strong rel=\"author\" itemprop=\"author\" class=\"author vcard\"><span class=\"fn\">Albert<\/span><\/strong>\n\t\t<time class=\"date published time\" datetime=\"2026-04-27T12:59:57+02:00\" itemprop=\"datePublished\" content=\"2026-04-27T12:59:57+02:00\">10 hores ago<\/time>\n\t\t<meta itemprop=\"dateModified\" class=\"date updated\" content=\"2026-04-27T12:59:59+02:00\">\n\t\t<span class=\"hide\" itemprop=\"publisher\" itemscope itemtype=\"https:\/\/schema.org\/Organization\">\n\t\t\t<meta itemprop=\"name\" content=\"SocialistesdMca\">\n\t\t\t<span itemprop=\"logo\" itemscope itemtype=\"https:\/\/schema.org\/ImageObject\">\n\t\t\t\t<meta itemprop=\"url\" content=\"https:\/\/www.psib-psoe.org\/mallorca\/wp-content\/themes\/notio-wp\/assets\/img\/logo.png\">\n\t\t\t<\/span>\n\t\t\t<meta itemprop=\"url\" content=\"https:\/\/www.psib-psoe.org\/mallorca\/\">\n\t\t<\/span>\n\t\t\t\t<span class=\"hide\" itemprop=\"image\" itemscope itemtype=\"http:\/\/schema.org\/ImageObject\">\n\t\t\t<meta itemprop=\"url\" content=\"https:\/\/www.psib-psoe.org\/mallorca\/wp-content\/uploads\/Reunio-escut-social-Govern.jpeg\">\n\t\t\t<meta itemprop=\"width\" content=\"1600\">\n\t\t\t<meta itemprop=\"height\" content=\"1200\">\n\t\t<\/span>\n\t\t\t\t<meta itemscope itemprop=\"mainEntityOfPage\" itemtype=\"https:\/\/schema.org\/WebPage\" itemid=\"https:\/\/www.psib-psoe.org\/mallorca\/el-psib-psoe-veu-molt-dificil-donar-suport-a-cap-mesura-descut-social-discriminatoria-i-racista-que-deixi-persones-desprotegides-i-presenta-un-conjunt-de-mesures-alte\/\">\n\t<\/aside>\n\t\t<\/article>\n<\/div>\n<div class=\"small-12 large-4 columns\">\n\t<article itemscope itemtype=\"http:\/\/schema.org\/Article\" class=\"post blog-style7 alt post-31421 type-post status-publish format-standard has-post-thumbnail hentry category-federacio-de-mallorca category-federacio-de-mallorca-portada category-municipis category-portada tag-amanda-fernandez tag-ares-fernandez tag-bea-gamundi tag-cataliina-cladera tag-catalina-cladera tag-federacio-socialista-de-mallorca tag-jaume-mateu tag-mercedes-garrido tag-psib-psoe tag-xisco-arrom\" role=\"article\">\n\t\t<figure class=\"post-gallery\"><img loading=\"lazy\" decoding=\"async\" width=\"600\" height=\"400\" src=\"https:\/\/www.psib-psoe.org\/mallorca\/wp-content\/uploads\/Grup-ple-120326-1-600x400.jpeg\" class=\"attachment-notio-general-x2 size-notio-general-x2 wp-post-image\" alt=\"\" srcset=\"https:\/\/www.psib-psoe.org\/mallorca\/wp-content\/uploads\/Grup-ple-120326-1-600x400.jpeg 600w, https:\/\/www.psib-psoe.org\/mallorca\/wp-content\/uploads\/Grup-ple-120326-1-300x200.jpeg 300w, https:\/\/www.psib-psoe.org\/mallorca\/wp-content\/uploads\/Grup-ple-120326-1-20x13.jpeg 20w\" sizes=\"(max-width: 600px) 100vw, 600px\" \/><\/figure>\n\t\t<div class=\"blog-top\">\n\t\t\t<header class=\"post-title entry-header\">\n\t\t\t\t<aside class=\"post-meta cf\">\n\t\t25\/04\/2026 \/ <a href=\"https:\/\/www.psib-psoe.org\/mallorca\/category\/federacio-de-mallorca\/\" rel=\"category tag\">Federaci\u00f3 de Mallorca<\/a>, <a href=\"https:\/\/www.psib-psoe.org\/mallorca\/category\/federacio-de-mallorca-portada\/\" rel=\"category tag\">Federaci\u00f3 de Mallorca - Portada<\/a>, <a href=\"https:\/\/www.psib-psoe.org\/mallorca\/category\/municipis\/\" rel=\"category tag\">Municipis<\/a>, <a href=\"https:\/\/www.psib-psoe.org\/mallorca\/category\/portada\/\" rel=\"category tag\">Portada<\/a><\/aside>\n\t\t\t\t<h3 itemprop=\"headline\"><a href=\"https:\/\/www.psib-psoe.org\/mallorca\/el-psib-psoe-acusa-galmes-de-cedir-davant-vox-i-posa-en-risc-lescut-social-de-mallorca\/\" title=\"El PSIB-PSOE acusa Galm\u00e9s de cedir davant Vox i posa en risc l\u2019escut social de Mallorca.\">El PSIB-PSOE acusa Galm\u00e9s de cedir davant Vox i posa en risc l\u2019escut social de Mallorca.<\/a><\/h3>\n\t\t\t<\/header>\n\t\t<\/div>\n\t\t<div class=\"post-content\">\n\t\t\t<a href=\"https:\/\/www.psib-psoe.org\/mallorca\/el-psib-psoe-acusa-galmes-de-cedir-davant-vox-i-posa-en-risc-lescut-social-de-mallorca\/\" class=\"more-link\">Read More<\/a>\n\t\t<\/div>\n\t\t\t<aside class=\"post-bottom-meta hide\">\n\t\t<strong rel=\"author\" itemprop=\"author\" class=\"author vcard\"><span class=\"fn\">Albert<\/span><\/strong>\n\t\t<time class=\"date published time\" datetime=\"2026-04-25T10:46:43+02:00\" itemprop=\"datePublished\" content=\"2026-04-25T10:46:43+02:00\">3 dies ago<\/time>\n\t\t<meta itemprop=\"dateModified\" class=\"date updated\" content=\"2026-04-25T10:46:46+02:00\">\n\t\t<span class=\"hide\" itemprop=\"publisher\" itemscope itemtype=\"https:\/\/schema.org\/Organization\">\n\t\t\t<meta itemprop=\"name\" content=\"SocialistesdMca\">\n\t\t\t<span itemprop=\"logo\" itemscope itemtype=\"https:\/\/schema.org\/ImageObject\">\n\t\t\t\t<meta itemprop=\"url\" content=\"https:\/\/www.psib-psoe.org\/mallorca\/wp-content\/themes\/notio-wp\/assets\/img\/logo.png\">\n\t\t\t<\/span>\n\t\t\t<meta itemprop=\"url\" content=\"https:\/\/www.psib-psoe.org\/mallorca\/\">\n\t\t<\/span>\n\t\t\t\t<span class=\"hide\" itemprop=\"image\" itemscope itemtype=\"http:\/\/schema.org\/ImageObject\">\n\t\t\t<meta itemprop=\"url\" content=\"https:\/\/www.psib-psoe.org\/mallorca\/wp-content\/uploads\/Grup-ple-120326-1.jpeg\">\n\t\t\t<meta itemprop=\"width\" content=\"1024\">\n\t\t\t<meta itemprop=\"height\" content=\"497\">\n\t\t<\/span>\n\t\t\t\t<meta itemscope itemprop=\"mainEntityOfPage\" itemtype=\"https:\/\/schema.org\/WebPage\" itemid=\"https:\/\/www.psib-psoe.org\/mallorca\/el-psib-psoe-acusa-galmes-de-cedir-davant-vox-i-posa-en-risc-lescut-social-de-mallorca\/\">\n\t<\/aside>\n\t\t<\/article>\n<\/div>\n<div class=\"small-12 large-4 columns\">\n\t<article itemscope itemtype=\"http:\/\/schema.org\/Article\" class=\"post blog-style7 alt post-31417 type-post status-publish format-standard has-post-thumbnail hentry category-federacio-de-mallorca category-federacio-de-mallorca-portada category-municipis category-portada tag-amanda-fernandez tag-ares-fernandez tag-bea-gamundi tag-federacio-socialista-de-mallorca tag-jaume-mateu tag-mercedes-garrido tag-psib-psoe tag-rafel-oliver tag-toni-moreno tag-xisco-arrom\" role=\"article\">\n\t\t<figure class=\"post-gallery\"><img loading=\"lazy\" decoding=\"async\" width=\"600\" height=\"400\" src=\"https:\/\/www.psib-psoe.org\/mallorca\/wp-content\/uploads\/Captura-de-pantalla-2026-04-24-223924-600x400.png\" class=\"attachment-notio-general-x2 size-notio-general-x2 wp-post-image\" alt=\"\" srcset=\"https:\/\/www.psib-psoe.org\/mallorca\/wp-content\/uploads\/Captura-de-pantalla-2026-04-24-223924-600x400.png 600w, https:\/\/www.psib-psoe.org\/mallorca\/wp-content\/uploads\/Captura-de-pantalla-2026-04-24-223924-300x200.png 300w, https:\/\/www.psib-psoe.org\/mallorca\/wp-content\/uploads\/Captura-de-pantalla-2026-04-24-223924-20x13.png 20w, https:\/\/www.psib-psoe.org\/mallorca\/wp-content\/uploads\/Captura-de-pantalla-2026-04-24-223924-900x600.png 900w\" sizes=\"(max-width: 600px) 100vw, 600px\" \/><\/figure>\n\t\t<div class=\"blog-top\">\n\t\t\t<header class=\"post-title entry-header\">\n\t\t\t\t<aside class=\"post-meta cf\">\n\t\t24\/04\/2026 \/ <a href=\"https:\/\/www.psib-psoe.org\/mallorca\/category\/federacio-de-mallorca\/\" rel=\"category tag\">Federaci\u00f3 de Mallorca<\/a>, <a href=\"https:\/\/www.psib-psoe.org\/mallorca\/category\/federacio-de-mallorca-portada\/\" rel=\"category tag\">Federaci\u00f3 de Mallorca - Portada<\/a>, <a href=\"https:\/\/www.psib-psoe.org\/mallorca\/category\/municipis\/\" rel=\"category tag\">Municipis<\/a>, <a href=\"https:\/\/www.psib-psoe.org\/mallorca\/category\/portada\/\" rel=\"category tag\">Portada<\/a><\/aside>\n\t\t\t\t<h3 itemprop=\"headline\"><a href=\"https:\/\/www.psib-psoe.org\/mallorca\/el-grup-socialista-al-consell-de-mallorca-alerta-de-les-greus-i-nombroses-prescripcions-detectades-en-el-projecte-de-planejament-urbanistic-de-maria-de-la-salut\/\" title=\"El Grup Socialista al Consell de Mallorca alerta de les \u201cgreus i nombroses prescripcions\u201d detectades en el projecte de planejament urban\u00edstic de Maria de la Salut.\">El Grup Socialista al Consell de Mallorca alerta de les \u201cgreus i nombroses prescripcions\u201d detectades en el projecte de planejament urban\u00edstic de Maria de la Salut.<\/a><\/h3>\n\t\t\t<\/header>\n\t\t<\/div>\n\t\t<div class=\"post-content\">\n\t\t\t<a href=\"https:\/\/www.psib-psoe.org\/mallorca\/el-grup-socialista-al-consell-de-mallorca-alerta-de-les-greus-i-nombroses-prescripcions-detectades-en-el-projecte-de-planejament-urbanistic-de-maria-de-la-salut\/\" class=\"more-link\">Read More<\/a>\n\t\t<\/div>\n\t\t\t<aside class=\"post-bottom-meta hide\">\n\t\t<strong rel=\"author\" itemprop=\"author\" class=\"author vcard\"><span class=\"fn\">Albert<\/span><\/strong>\n\t\t<time class=\"date published time\" datetime=\"2026-04-24T22:49:37+02:00\" itemprop=\"datePublished\" content=\"2026-04-24T22:49:37+02:00\">3 dies ago<\/time>\n\t\t<meta itemprop=\"dateModified\" class=\"date updated\" content=\"2026-04-24T22:49:38+02:00\">\n\t\t<span class=\"hide\" itemprop=\"publisher\" itemscope itemtype=\"https:\/\/schema.org\/Organization\">\n\t\t\t<meta itemprop=\"name\" content=\"SocialistesdMca\">\n\t\t\t<span itemprop=\"logo\" itemscope itemtype=\"https:\/\/schema.org\/ImageObject\">\n\t\t\t\t<meta itemprop=\"url\" content=\"https:\/\/www.psib-psoe.org\/mallorca\/wp-content\/themes\/notio-wp\/assets\/img\/logo.png\">\n\t\t\t<\/span>\n\t\t\t<meta itemprop=\"url\" content=\"https:\/\/www.psib-psoe.org\/mallorca\/\">\n\t\t<\/span>\n\t\t\t\t<span class=\"hide\" itemprop=\"image\" itemscope itemtype=\"http:\/\/schema.org\/ImageObject\">\n\t\t\t<meta itemprop=\"url\" content=\"https:\/\/www.psib-psoe.org\/mallorca\/wp-content\/uploads\/Captura-de-pantalla-2026-04-24-223924.png\">\n\t\t\t<meta itemprop=\"width\" content=\"1829\">\n\t\t\t<meta itemprop=\"height\" content=\"1144\">\n\t\t<\/span>\n\t\t\t\t<meta itemscope itemprop=\"mainEntityOfPage\" itemtype=\"https:\/\/schema.org\/WebPage\" itemid=\"https:\/\/www.psib-psoe.org\/mallorca\/el-grup-socialista-al-consell-de-mallorca-alerta-de-les-greus-i-nombroses-prescripcions-detectades-en-el-projecte-de-planejament-urbanistic-de-maria-de-la-salut\/\">\n\t<\/aside>\n\t\t<\/article>\n<\/div>\n<div class=\"small-12 large-4 columns\">\n\t<article itemscope itemtype=\"http:\/\/schema.org\/Article\" class=\"post blog-style7 alt post-31412 type-post status-publish format-standard has-post-thumbnail hentry category-federacio-de-mallorca category-federacio-de-mallorca-portada category-municipis category-portada tag-agrupacio-socialsita-de-calvia tag-amanda-fernandez tag-andreu-serra tag-ares-fernandez tag-bea-gamundi tag-biel-alomar tag-catalina-cladera tag-federacio-socialista-de-mallorca tag-jaume-mateu tag-joan-ferrer tag-joan-mendez-2 tag-juana-m-adrover tag-mercedes-garrido tag-nati-frances tag-omar-lamin tag-sofia-alonso\" role=\"article\">\n\t\t<figure class=\"post-gallery\"><img loading=\"lazy\" decoding=\"async\" width=\"600\" height=\"400\" src=\"https:\/\/www.psib-psoe.org\/mallorca\/wp-content\/uploads\/Nati-i-Cati-Fons-Calvia-600x400.jpg\" class=\"attachment-notio-general-x2 size-notio-general-x2 wp-post-image\" alt=\"\" srcset=\"https:\/\/www.psib-psoe.org\/mallorca\/wp-content\/uploads\/Nati-i-Cati-Fons-Calvia-600x400.jpg 600w, https:\/\/www.psib-psoe.org\/mallorca\/wp-content\/uploads\/Nati-i-Cati-Fons-Calvia-300x200.jpg 300w, https:\/\/www.psib-psoe.org\/mallorca\/wp-content\/uploads\/Nati-i-Cati-Fons-Calvia-900x600.jpg 900w, https:\/\/www.psib-psoe.org\/mallorca\/wp-content\/uploads\/Nati-i-Cati-Fons-Calvia-20x13.jpg 20w\" sizes=\"(max-width: 600px) 100vw, 600px\" \/><\/figure>\n\t\t<div class=\"blog-top\">\n\t\t\t<header class=\"post-title entry-header\">\n\t\t\t\t<aside class=\"post-meta cf\">\n\t\t24\/04\/2026 \/ <a href=\"https:\/\/www.psib-psoe.org\/mallorca\/category\/federacio-de-mallorca\/\" rel=\"category tag\">Federaci\u00f3 de Mallorca<\/a>, <a href=\"https:\/\/www.psib-psoe.org\/mallorca\/category\/federacio-de-mallorca-portada\/\" rel=\"category tag\">Federaci\u00f3 de Mallorca - Portada<\/a>, <a href=\"https:\/\/www.psib-psoe.org\/mallorca\/category\/municipis\/\" rel=\"category tag\">Municipis<\/a>, <a href=\"https:\/\/www.psib-psoe.org\/mallorca\/category\/portada\/\" rel=\"category tag\">Portada<\/a><\/aside>\n\t\t\t\t<h3 itemprop=\"headline\"><a href=\"https:\/\/www.psib-psoe.org\/mallorca\/el-psib-psoe-exigeix-a-galmes-que-sigui-valent-i-impedeixi-la-sortida-de-calvia-del-fons-mallorqui-de-cooperacio\/\" title=\"El PSIB-PSOE exigeix a Galm\u00e9s que sigui \u201cvalent\u201d i impedeixi la sortida de Calvi\u00e0 del Fons Mallorqu\u00ed de Cooperaci\u00f3.\">El PSIB-PSOE exigeix a Galm\u00e9s que sigui \u201cvalent\u201d i impedeixi la sortida de Calvi\u00e0 del Fons Mallorqu\u00ed de Cooperaci\u00f3.<\/a><\/h3>\n\t\t\t<\/header>\n\t\t<\/div>\n\t\t<div class=\"post-content\">\n\t\t\t<a href=\"https:\/\/www.psib-psoe.org\/mallorca\/el-psib-psoe-exigeix-a-galmes-que-sigui-valent-i-impedeixi-la-sortida-de-calvia-del-fons-mallorqui-de-cooperacio\/\" class=\"more-link\">Read More<\/a>\n\t\t<\/div>\n\t\t\t<aside class=\"post-bottom-meta hide\">\n\t\t<strong rel=\"author\" itemprop=\"author\" class=\"author vcard\"><span class=\"fn\">Albert<\/span><\/strong>\n\t\t<time class=\"date published time\" datetime=\"2026-04-24T12:00:14+02:00\" itemprop=\"datePublished\" content=\"2026-04-24T12:00:14+02:00\">3 dies ago<\/time>\n\t\t<meta itemprop=\"dateModified\" class=\"date updated\" content=\"2026-04-24T12:00:17+02:00\">\n\t\t<span class=\"hide\" itemprop=\"publisher\" itemscope itemtype=\"https:\/\/schema.org\/Organization\">\n\t\t\t<meta itemprop=\"name\" content=\"SocialistesdMca\">\n\t\t\t<span itemprop=\"logo\" itemscope itemtype=\"https:\/\/schema.org\/ImageObject\">\n\t\t\t\t<meta itemprop=\"url\" content=\"https:\/\/www.psib-psoe.org\/mallorca\/wp-content\/themes\/notio-wp\/assets\/img\/logo.png\">\n\t\t\t<\/span>\n\t\t\t<meta itemprop=\"url\" content=\"https:\/\/www.psib-psoe.org\/mallorca\/\">\n\t\t<\/span>\n\t\t\t\t<span class=\"hide\" itemprop=\"image\" itemscope itemtype=\"http:\/\/schema.org\/ImageObject\">\n\t\t\t<meta itemprop=\"url\" content=\"https:\/\/www.psib-psoe.org\/mallorca\/wp-content\/uploads\/Nati-i-Cati-Fons-Calvia-scaled.jpg\">\n\t\t\t<meta itemprop=\"width\" content=\"2560\">\n\t\t\t<meta itemprop=\"height\" content=\"1920\">\n\t\t<\/span>\n\t\t\t\t<meta itemscope itemprop=\"mainEntityOfPage\" itemtype=\"https:\/\/schema.org\/WebPage\" itemid=\"https:\/\/www.psib-psoe.org\/mallorca\/el-psib-psoe-exigeix-a-galmes-que-sigui-valent-i-impedeixi-la-sortida-de-calvia-del-fons-mallorqui-de-cooperacio\/\">\n\t<\/aside>\n\t\t<\/article>\n<\/div>\n<div class=\"small-12 large-4 columns\">\n\t<article itemscope itemtype=\"http:\/\/schema.org\/Article\" class=\"post blog-style7 alt post-31367 type-post status-publish format-standard has-post-thumbnail hentry category-federacio-de-mallorca category-federacio-de-mallorca-portada category-municipis category-portada tag-amanda-fernandez tag-andreu-serra tag-ares-fernandez tag-bea-gamundi tag-biel-alomar tag-catalina-cladera tag-federacio-socialista-de-mallorca tag-jaume-mateu tag-joan-ferrer tag-joan-mendez-2 tag-juana-m-adrover tag-mercedes-garrido tag-omar-lamin tag-sofia-alonso\" role=\"article\">\n\t\t<figure class=\"post-gallery\"><img loading=\"lazy\" decoding=\"async\" width=\"600\" height=\"400\" src=\"https:\/\/www.psib-psoe.org\/mallorca\/wp-content\/uploads\/Mateu-rdp-1-1-edited-600x400.jpeg\" class=\"attachment-notio-general-x2 size-notio-general-x2 wp-post-image\" alt=\"\" srcset=\"https:\/\/www.psib-psoe.org\/mallorca\/wp-content\/uploads\/Mateu-rdp-1-1-edited-600x400.jpeg 600w, https:\/\/www.psib-psoe.org\/mallorca\/wp-content\/uploads\/Mateu-rdp-1-1-edited-300x200.jpeg 300w, https:\/\/www.psib-psoe.org\/mallorca\/wp-content\/uploads\/Mateu-rdp-1-1-edited-900x600.jpeg 900w, https:\/\/www.psib-psoe.org\/mallorca\/wp-content\/uploads\/Mateu-rdp-1-1-edited-20x13.jpeg 20w\" sizes=\"(max-width: 600px) 100vw, 600px\" \/><\/figure>\n\t\t<div class=\"blog-top\">\n\t\t\t<header class=\"post-title entry-header\">\n\t\t\t\t<aside class=\"post-meta cf\">\n\t\t21\/04\/2026 \/ <a href=\"https:\/\/www.psib-psoe.org\/mallorca\/category\/federacio-de-mallorca\/\" rel=\"category tag\">Federaci\u00f3 de Mallorca<\/a>, <a href=\"https:\/\/www.psib-psoe.org\/mallorca\/category\/federacio-de-mallorca-portada\/\" rel=\"category tag\">Federaci\u00f3 de Mallorca - Portada<\/a>, <a href=\"https:\/\/www.psib-psoe.org\/mallorca\/category\/municipis\/\" rel=\"category tag\">Municipis<\/a>, <a href=\"https:\/\/www.psib-psoe.org\/mallorca\/category\/portada\/\" rel=\"category tag\">Portada<\/a><\/aside>\n\t\t\t\t<h3 itemprop=\"headline\"><a href=\"https:\/\/www.psib-psoe.org\/mallorca\/lesperpent-especulatiu-del-pp-el-camp-de-polo-de-campos-legalitzat-per-mandat-directe-de-prohens-i-sagreras-lany-passat-assumeix-ara-una-sancio-de-ladt-per-valor-de-400-0\/\" title=\"L\u2019esperpent especulatiu del PP: el Camp de polo de Campos, legalitzat per mandat directe de Prohens i Sagreras l\u2019any passat, assumeix ara una sanci\u00f3 de l\u2019ADT per valor de 400.000 \u20ac.\">L\u2019esperpent especulatiu del PP: el Camp de polo de Campos, legalitzat per mandat directe de Prohens i Sagreras l\u2019any passat, assumeix ara una sanci\u00f3 de l\u2019ADT per valor de 400.000 \u20ac.<\/a><\/h3>\n\t\t\t<\/header>\n\t\t<\/div>\n\t\t<div class=\"post-content\">\n\t\t\t<a href=\"https:\/\/www.psib-psoe.org\/mallorca\/lesperpent-especulatiu-del-pp-el-camp-de-polo-de-campos-legalitzat-per-mandat-directe-de-prohens-i-sagreras-lany-passat-assumeix-ara-una-sancio-de-ladt-per-valor-de-400-0\/\" class=\"more-link\">Read More<\/a>\n\t\t<\/div>\n\t\t\t<aside class=\"post-bottom-meta hide\">\n\t\t<strong rel=\"author\" itemprop=\"author\" class=\"author vcard\"><span class=\"fn\">Albert<\/span><\/strong>\n\t\t<time class=\"date published time\" datetime=\"2026-04-21T10:26:18+02:00\" itemprop=\"datePublished\" content=\"2026-04-21T10:26:18+02:00\">7 dies ago<\/time>\n\t\t<meta itemprop=\"dateModified\" class=\"date updated\" content=\"2026-04-21T10:27:45+02:00\">\n\t\t<span class=\"hide\" itemprop=\"publisher\" itemscope itemtype=\"https:\/\/schema.org\/Organization\">\n\t\t\t<meta itemprop=\"name\" content=\"SocialistesdMca\">\n\t\t\t<span itemprop=\"logo\" itemscope itemtype=\"https:\/\/schema.org\/ImageObject\">\n\t\t\t\t<meta itemprop=\"url\" content=\"https:\/\/www.psib-psoe.org\/mallorca\/wp-content\/themes\/notio-wp\/assets\/img\/logo.png\">\n\t\t\t<\/span>\n\t\t\t<meta itemprop=\"url\" content=\"https:\/\/www.psib-psoe.org\/mallorca\/\">\n\t\t<\/span>\n\t\t\t\t<span class=\"hide\" itemprop=\"image\" itemscope itemtype=\"http:\/\/schema.org\/ImageObject\">\n\t\t\t<meta itemprop=\"url\" content=\"https:\/\/www.psib-psoe.org\/mallorca\/wp-content\/uploads\/Mateu-rdp-1-1-edited.jpeg\">\n\t\t\t<meta itemprop=\"width\" content=\"1200\">\n\t\t\t<meta itemprop=\"height\" content=\"675\">\n\t\t<\/span>\n\t\t\t\t<meta itemscope itemprop=\"mainEntityOfPage\" itemtype=\"https:\/\/schema.org\/WebPage\" itemid=\"https:\/\/www.psib-psoe.org\/mallorca\/lesperpent-especulatiu-del-pp-el-camp-de-polo-de-campos-legalitzat-per-mandat-directe-de-prohens-i-sagreras-lany-passat-assumeix-ara-una-sancio-de-ladt-per-valor-de-400-0\/\">\n\t<\/aside>\n\t\t<\/article>\n<\/div>\n\t<\/div>\n\t[vc_btn title=&#8221;Veure m\u00e9s not\u00edcies&#8221; style=&#8221;outline-custom&#8221; outline_custom_color=&#8221;#e30613&#8243; outline_custom_hover_background=&#8221;#e30613&#8243; outline_custom_hover_text=&#8221;#ffffff&#8221; shape=&#8221;square&#8221; align=&#8221;center&#8221; link=&#8221;url:http%3A%2F%2Fwww.psib-psoe.org%2Fmallorca%2Factualitat-municipis%2F|||&#8221;][vc_empty_space][\/vc_column][\/vc_row][vc_row css=&#8221;.vc_custom_1576838594888{background-color: #f6f6f6 !important;}&#8221;][vc_column][vc_empty_space][vc_column_text]\n<h1 class=\"bold\" style=\"text-align: center;\">Suma\u2019t al comprom\u00eds<\/h1>\n<h3 class=\"light\" style=\"text-align: center;\">Com a militant, simpatitzant o com a voluntari<br \/>\nAjuda\u2019ns a construir un futur millor<\/h3>\n[\/vc_column_text][vc_raw_html]JTNDYSUyMG5hbWUlM0QlMjJlc3RydWN0dXJhJTIyJTNFJTNDJTJGYSUzRQ==[\/vc_raw_html][vc_empty_space][vc_btn title=&#8221;Afilia&#8217;t al partit socialista&#8221; style=&#8221;outline-custom&#8221; outline_custom_color=&#8221;#e30613&#8243; outline_custom_hover_background=&#8221;#e30613&#8243; outline_custom_hover_text=&#8221;#ffffff&#8221; shape=&#8221;square&#8221; align=&#8221;center&#8221; link=&#8221;url:http%3A%2F%2Fwww.psib-psoe.org%2Fafiliacio%2F||target:%20_blank|&#8221;][vc_empty_space][\/vc_column][\/vc_row]\n<\/div>","protected":false},"excerpt":{"rendered":"<p>[vc_row thb_full_width=&#8221;true&#8221; css=&#8221;.vc_custom_1576835719398{padding-top: 1% !important;padding-bottom: 1% !important;background-color: #e30613 !important;}&#8221;][vc_column][vc_column_text] Agrupaci\u00f3 Socialista de Bunyola [\/vc_column_text][\/vc_column][\/vc_row][vc_row][vc_column width=&#8221;1\/2&#8243;][vc_empty_space][vc_single_image img_size=&#8221;full&#8221; css=&#8221;&#8221;][\/vc_column][vc_column width=&#8221;1\/2&#8243;][vc_empty_space][vc_column_text] Secretaria General [\/vc_column_text][vc_column_text] Carles Bona Garc\u00eda [\/vc_column_text][vc_empty_space][vc_column_text] Secretaria d&#8217;Organitzaci\u00f3 [\/vc_column_text][vc_column_text] Paca Orell Salom [\/vc_column_text][vc_empty_space][vc_text_separator title=&#8221;Contacta amb l&#8217;agrupaci\u00f3&#8221; title_align=&#8221;separator_align_left&#8221; color=&#8221;custom&#8221; accent_color=&#8221;#e20025&#8243;][vc_column_text]mallorca@psib-psoe.org [\/vc_column_text][\/vc_column][\/vc_row][vc_row][vc_column][vc_empty_space][vc_column_text css=&#8221;&#8221;] Regidors Bunyola 1. Carles Bona Garcia Portaveu 2. Paca Orell Salom[\/vc_column_text][vc_empty_space][\/vc_column][\/vc_row][vc_row][vc_column][vc_empty_space][vc_column_text] Not\u00edcies dels municipis [\/vc_column_text][vc_separator&hellip;<\/p>\n","protected":false},"author":3,"featured_media":0,"parent":23366,"menu_order":0,"comment_status":"closed","ping_status":"closed","template":"","meta":{"footnotes":""},"class_list":["post-24649","page","type-page","status-publish","hentry"],"_links":{"self":[{"href":"https:\/\/www.psib-psoe.org\/mallorca\/wp-json\/wp\/v2\/pages\/24649"}],"collection":[{"href":"https:\/\/www.psib-psoe.org\/mallorca\/wp-json\/wp\/v2\/pages"}],"about":[{"href":"https:\/\/www.psib-psoe.org\/mallorca\/wp-json\/wp\/v2\/types\/page"}],"author":[{"embeddable":true,"href":"https:\/\/www.psib-psoe.org\/mallorca\/wp-json\/wp\/v2\/users\/3"}],"replies":[{"embeddable":true,"href":"https:\/\/www.psib-psoe.org\/mallorca\/wp-json\/wp\/v2\/comments?post=24649"}],"version-history":[{"count":4,"href":"https:\/\/www.psib-psoe.org\/mallorca\/wp-json\/wp\/v2\/pages\/24649\/revisions"}],"predecessor-version":[{"id":31350,"href":"https:\/\/www.psib-psoe.org\/mallorca\/wp-json\/wp\/v2\/pages\/24649\/revisions\/31350"}],"up":[{"embeddable":true,"href":"https:\/\/www.psib-psoe.org\/mallorca\/wp-json\/wp\/v2\/pages\/23366"}],"wp:attachment":[{"href":"https:\/\/www.psib-psoe.org\/mallorca\/wp-json\/wp\/v2\/media?parent=24649"}],"curies":[{"name":"wp","href":"https:\/\/api.w.org\/{rel}","templated":true}]}}