{"id":25207,"date":"2020-04-20T14:51:50","date_gmt":"2020-04-20T12:51:50","guid":{"rendered":"http:\/\/www.psib-psoe.org\/mallorca\/?page_id=25207"},"modified":"2020-04-20T14:51:50","modified_gmt":"2020-04-20T12:51:50","slug":"actualitat-opinio","status":"publish","type":"page","link":"https:\/\/www.psib-psoe.org\/mallorca\/actualitat-opinio\/","title":{"rendered":"Actualitat: Opini\u00f3"},"content":{"rendered":"<div class=\"wpb-content-wrapper\">[vc_row content_placement=&#8221;bottom&#8221;][vc_column][vc_empty_space height=&#8221;100px&#8221;][vc_column_text css=&#8221;.vc_custom_1587387054679{padding-left: 15px !important;}&#8221;]\n<h2 class=\"bold\">Actualitat: Opini\u00f3<\/h2>\n[\/vc_column_text][vc_separator color=&#8221;custom&#8221; align=&#8221;align_left&#8221; border_width=&#8221;3&#8243; el_width=&#8221;10&#8243; accent_color=&#8221;#e30613&#8243; css=&#8221;.vc_custom_1527088004802{padding-top: 10px !important;padding-left: 15px !important;}&#8221;][vc_empty_space height=&#8221;60px&#8221;][vc_wp_custommenu nav_menu=&#8221;67&#8243; el_class=&#8221;filtros&#8221;]\t<div class=\"posts-shortcode align-stretch blog-listing-style8 row \">\n\t\t<div class=\"small-12 large-4 columns\">\n\t<article itemscope itemtype=\"http:\/\/schema.org\/Article\" class=\"post blog-style7 alt post-27336 type-post status-publish format-standard has-post-thumbnail hentry category-federacio-de-mallorca-portada category-opinio category-portada tag-agrupacio-socialista-de-sineu tag-jose-manuel-garcia tag-psib-psoe tag-sineu\" role=\"article\">\n\t\t<figure class=\"post-gallery\"><img loading=\"lazy\" decoding=\"async\" width=\"600\" height=\"400\" src=\"https:\/\/www.psib-psoe.org\/mallorca\/wp-content\/uploads\/230223-Candidatura-Jose\u0301-Manuel-Garci\u0301a-Sineu-600x400.jpeg\" class=\"attachment-notio-general-x2 size-notio-general-x2 wp-post-image\" alt=\"\" srcset=\"https:\/\/www.psib-psoe.org\/mallorca\/wp-content\/uploads\/230223-Candidatura-Jose\u0301-Manuel-Garci\u0301a-Sineu-600x400.jpeg 600w, https:\/\/www.psib-psoe.org\/mallorca\/wp-content\/uploads\/230223-Candidatura-Jose\u0301-Manuel-Garci\u0301a-Sineu-300x200.jpeg 300w, https:\/\/www.psib-psoe.org\/mallorca\/wp-content\/uploads\/230223-Candidatura-Jose\u0301-Manuel-Garci\u0301a-Sineu-900x600.jpeg 900w, https:\/\/www.psib-psoe.org\/mallorca\/wp-content\/uploads\/230223-Candidatura-Jose\u0301-Manuel-Garci\u0301a-Sineu-20x13.jpeg 20w\" sizes=\"(max-width: 600px) 100vw, 600px\" \/><\/figure>\n\t\t<div class=\"blog-top\">\n\t\t\t<header class=\"post-title entry-header\">\n\t\t\t\t<aside class=\"post-meta cf\">\n\t\t22\/02\/2023 \/ <a href=\"https:\/\/www.psib-psoe.org\/mallorca\/category\/federacio-de-mallorca-portada\/\" rel=\"category tag\">Federaci\u00f3 de Mallorca - Portada<\/a>, <a href=\"https:\/\/www.psib-psoe.org\/mallorca\/category\/opinio\/\" rel=\"category tag\">Opini\u00f3<\/a>, <a href=\"https:\/\/www.psib-psoe.org\/mallorca\/category\/portada\/\" rel=\"category tag\">Portada<\/a><\/aside>\n\t\t\t\t<h3 itemprop=\"headline\"><a href=\"https:\/\/www.psib-psoe.org\/mallorca\/jose-manuel-garcia-torna-a-presentar-la-seva-candidatura-a-la-batlia-de-sineu-amb-propostes-de-millora-que-sacostin-a-la-realitat-del-poble\/\" title=\"Jos\u00e9 Manuel Garc\u00eda torna a presentar la seva candidatura a la batlia de Sineu amb propostes de millora que s\u2019acostin a la realitat del poble\">Jos\u00e9 Manuel Garc\u00eda torna a presentar la seva candidatura a la batlia de Sineu amb propostes de millora que s\u2019acostin a la realitat del poble<\/a><\/h3>\n\t\t\t<\/header>\n\t\t<\/div>\n\t\t<div class=\"post-content\">\n\t\t\t<a href=\"https:\/\/www.psib-psoe.org\/mallorca\/jose-manuel-garcia-torna-a-presentar-la-seva-candidatura-a-la-batlia-de-sineu-amb-propostes-de-millora-que-sacostin-a-la-realitat-del-poble\/\" class=\"more-link\">Read More<\/a>\n\t\t<\/div>\n\t\t\t<aside class=\"post-bottom-meta hide\">\n\t\t<strong rel=\"author\" itemprop=\"author\" class=\"author vcard\"><span class=\"fn\">Albert<\/span><\/strong>\n\t\t<time class=\"date published time\" datetime=\"2023-02-22T15:43:13+02:00\" itemprop=\"datePublished\" content=\"2023-02-22T15:43:13+02:00\">22\/02\/2023<\/time>\n\t\t<meta itemprop=\"dateModified\" class=\"date updated\" content=\"2023-02-22T17:38:04+02:00\">\n\t\t<span class=\"hide\" itemprop=\"publisher\" itemscope itemtype=\"https:\/\/schema.org\/Organization\">\n\t\t\t<meta itemprop=\"name\" content=\"SocialistesdMca\">\n\t\t\t<span itemprop=\"logo\" itemscope itemtype=\"https:\/\/schema.org\/ImageObject\">\n\t\t\t\t<meta itemprop=\"url\" content=\"https:\/\/www.psib-psoe.org\/mallorca\/wp-content\/themes\/notio-wp\/assets\/img\/logo.png\">\n\t\t\t<\/span>\n\t\t\t<meta itemprop=\"url\" content=\"https:\/\/www.psib-psoe.org\/mallorca\/\">\n\t\t<\/span>\n\t\t\t\t<span class=\"hide\" itemprop=\"image\" itemscope itemtype=\"http:\/\/schema.org\/ImageObject\">\n\t\t\t<meta itemprop=\"url\" content=\"https:\/\/www.psib-psoe.org\/mallorca\/wp-content\/uploads\/230223-Candidatura-Jose\u0301-Manuel-Garci\u0301a-Sineu.jpeg\">\n\t\t\t<meta itemprop=\"width\" content=\"2048\">\n\t\t\t<meta itemprop=\"height\" content=\"1536\">\n\t\t<\/span>\n\t\t\t\t<meta itemscope itemprop=\"mainEntityOfPage\" itemtype=\"https:\/\/schema.org\/WebPage\" itemid=\"https:\/\/www.psib-psoe.org\/mallorca\/jose-manuel-garcia-torna-a-presentar-la-seva-candidatura-a-la-batlia-de-sineu-amb-propostes-de-millora-que-sacostin-a-la-realitat-del-poble\/\">\n\t<\/aside>\n\t\t<\/article>\n<\/div>\n<div class=\"small-12 large-4 columns\">\n\t<article itemscope itemtype=\"http:\/\/schema.org\/Article\" class=\"post blog-style7 alt post-26278 type-post status-publish format-standard has-post-thumbnail hentry category-federacio-de-mallorca category-municipis category-opinio category-portada\" role=\"article\">\n\t\t<figure class=\"post-gallery\"><img loading=\"lazy\" decoding=\"async\" width=\"600\" height=\"400\" src=\"https:\/\/www.psib-psoe.org\/mallorca\/wp-content\/uploads\/WhatsApp-Image-2021-11-20-at-12.59.29-600x400.jpeg\" class=\"attachment-notio-general-x2 size-notio-general-x2 wp-post-image\" alt=\"\" srcset=\"https:\/\/www.psib-psoe.org\/mallorca\/wp-content\/uploads\/WhatsApp-Image-2021-11-20-at-12.59.29-600x400.jpeg 600w, https:\/\/www.psib-psoe.org\/mallorca\/wp-content\/uploads\/WhatsApp-Image-2021-11-20-at-12.59.29-300x200.jpeg 300w, https:\/\/www.psib-psoe.org\/mallorca\/wp-content\/uploads\/WhatsApp-Image-2021-11-20-at-12.59.29-768x512.jpeg 768w, https:\/\/www.psib-psoe.org\/mallorca\/wp-content\/uploads\/WhatsApp-Image-2021-11-20-at-12.59.29-1024x682.jpeg 1024w, https:\/\/www.psib-psoe.org\/mallorca\/wp-content\/uploads\/WhatsApp-Image-2021-11-20-at-12.59.29-150x100.jpeg 150w, https:\/\/www.psib-psoe.org\/mallorca\/wp-content\/uploads\/WhatsApp-Image-2021-11-20-at-12.59.29-900x600.jpeg 900w, https:\/\/www.psib-psoe.org\/mallorca\/wp-content\/uploads\/WhatsApp-Image-2021-11-20-at-12.59.29-20x13.jpeg 20w, https:\/\/www.psib-psoe.org\/mallorca\/wp-content\/uploads\/WhatsApp-Image-2021-11-20-at-12.59.29.jpeg 1280w\" sizes=\"(max-width: 600px) 100vw, 600px\" \/><\/figure>\n\t\t<div class=\"blog-top\">\n\t\t\t<header class=\"post-title entry-header\">\n\t\t\t\t<aside class=\"post-meta cf\">\n\t\t20\/11\/2021 \/ <a href=\"https:\/\/www.psib-psoe.org\/mallorca\/category\/federacio-de-mallorca\/\" rel=\"category tag\">Federaci\u00f3 de Mallorca<\/a>, <a href=\"https:\/\/www.psib-psoe.org\/mallorca\/category\/municipis\/\" rel=\"category tag\">Municipis<\/a>, <a href=\"https:\/\/www.psib-psoe.org\/mallorca\/category\/opinio\/\" rel=\"category tag\">Opini\u00f3<\/a>, <a href=\"https:\/\/www.psib-psoe.org\/mallorca\/category\/portada\/\" rel=\"category tag\">Portada<\/a><\/aside>\n\t\t\t\t<h3 itemprop=\"headline\"><a href=\"https:\/\/www.psib-psoe.org\/mallorca\/el-socialista-pep-jaume-assumeix-la-batlia-de-sant-llorenc-amb-el-compromis-davancar-en-la-recuperacio-justa-i-governar-amb-empenta-i-dialeg\/\" title=\"El socialista Pep Jaume assumeix la batlia de Sant Lloren\u00e7 amb el comprom\u00eds d\u2019avan\u00e7ar en la recuperaci\u00f3 justa i governar \u201camb empenta i di\u00e0leg\u201d\">El socialista Pep Jaume assumeix la batlia de Sant Lloren\u00e7 amb el comprom\u00eds d\u2019avan\u00e7ar en la recuperaci\u00f3 justa i governar \u201camb empenta i di\u00e0leg\u201d<\/a><\/h3>\n\t\t\t<\/header>\n\t\t<\/div>\n\t\t<div class=\"post-content\">\n\t\t\t<a href=\"https:\/\/www.psib-psoe.org\/mallorca\/el-socialista-pep-jaume-assumeix-la-batlia-de-sant-llorenc-amb-el-compromis-davancar-en-la-recuperacio-justa-i-governar-amb-empenta-i-dialeg\/\" class=\"more-link\">Read More<\/a>\n\t\t<\/div>\n\t\t\t<aside class=\"post-bottom-meta hide\">\n\t\t<strong rel=\"author\" itemprop=\"author\" class=\"author vcard\"><span class=\"fn\">Socialistes de Mallorca<\/span><\/strong>\n\t\t<time class=\"date published time\" datetime=\"2021-11-20T14:18:03+02:00\" itemprop=\"datePublished\" content=\"2021-11-20T14:18:03+02:00\">20\/11\/2021<\/time>\n\t\t<meta itemprop=\"dateModified\" class=\"date updated\" content=\"2021-11-20T14:18:03+02:00\">\n\t\t<span class=\"hide\" itemprop=\"publisher\" itemscope itemtype=\"https:\/\/schema.org\/Organization\">\n\t\t\t<meta itemprop=\"name\" content=\"SocialistesdMca\">\n\t\t\t<span itemprop=\"logo\" itemscope itemtype=\"https:\/\/schema.org\/ImageObject\">\n\t\t\t\t<meta itemprop=\"url\" content=\"https:\/\/www.psib-psoe.org\/mallorca\/wp-content\/themes\/notio-wp\/assets\/img\/logo.png\">\n\t\t\t<\/span>\n\t\t\t<meta itemprop=\"url\" content=\"https:\/\/www.psib-psoe.org\/mallorca\/\">\n\t\t<\/span>\n\t\t\t\t<span class=\"hide\" itemprop=\"image\" itemscope itemtype=\"http:\/\/schema.org\/ImageObject\">\n\t\t\t<meta itemprop=\"url\" content=\"https:\/\/www.psib-psoe.org\/mallorca\/wp-content\/uploads\/WhatsApp-Image-2021-11-20-at-12.59.29.jpeg\">\n\t\t\t<meta itemprop=\"width\" content=\"1280\">\n\t\t\t<meta itemprop=\"height\" content=\"853\">\n\t\t<\/span>\n\t\t\t\t<meta itemscope itemprop=\"mainEntityOfPage\" itemtype=\"https:\/\/schema.org\/WebPage\" itemid=\"https:\/\/www.psib-psoe.org\/mallorca\/el-socialista-pep-jaume-assumeix-la-batlia-de-sant-llorenc-amb-el-compromis-davancar-en-la-recuperacio-justa-i-governar-amb-empenta-i-dialeg\/\">\n\t<\/aside>\n\t\t<\/article>\n<\/div>\n<div class=\"small-12 large-4 columns\">\n\t<article itemscope itemtype=\"http:\/\/schema.org\/Article\" class=\"post blog-style7 alt post-25568 type-post status-publish format-standard has-post-thumbnail hentry category-opinio category-portada\" role=\"article\">\n\t\t<figure class=\"post-gallery\"><img loading=\"lazy\" decoding=\"async\" width=\"600\" height=\"400\" src=\"https:\/\/www.psib-psoe.org\/mallorca\/wp-content\/uploads\/Cosme-Bonet-Taxa-Google-600x400.jpeg\" class=\"attachment-notio-general-x2 size-notio-general-x2 wp-post-image\" alt=\"\" srcset=\"https:\/\/www.psib-psoe.org\/mallorca\/wp-content\/uploads\/Cosme-Bonet-Taxa-Google-600x400.jpeg 600w, https:\/\/www.psib-psoe.org\/mallorca\/wp-content\/uploads\/Cosme-Bonet-Taxa-Google-300x200.jpeg 300w, https:\/\/www.psib-psoe.org\/mallorca\/wp-content\/uploads\/Cosme-Bonet-Taxa-Google-768x512.jpeg 768w, https:\/\/www.psib-psoe.org\/mallorca\/wp-content\/uploads\/Cosme-Bonet-Taxa-Google-1024x683.jpeg 1024w, https:\/\/www.psib-psoe.org\/mallorca\/wp-content\/uploads\/Cosme-Bonet-Taxa-Google-150x100.jpeg 150w, https:\/\/www.psib-psoe.org\/mallorca\/wp-content\/uploads\/Cosme-Bonet-Taxa-Google-900x600.jpeg 900w, https:\/\/www.psib-psoe.org\/mallorca\/wp-content\/uploads\/Cosme-Bonet-Taxa-Google-20x13.jpeg 20w, https:\/\/www.psib-psoe.org\/mallorca\/wp-content\/uploads\/Cosme-Bonet-Taxa-Google.jpeg 1600w\" sizes=\"(max-width: 600px) 100vw, 600px\" \/><\/figure>\n\t\t<div class=\"blog-top\">\n\t\t\t<header class=\"post-title entry-header\">\n\t\t\t\t<aside class=\"post-meta cf\">\n\t\t09\/11\/2020 \/ <a href=\"https:\/\/www.psib-psoe.org\/mallorca\/category\/opinio\/\" rel=\"category tag\">Opini\u00f3<\/a>, <a href=\"https:\/\/www.psib-psoe.org\/mallorca\/category\/portada\/\" rel=\"category tag\">Portada<\/a><\/aside>\n\t\t\t\t<h3 itemprop=\"headline\"><a href=\"https:\/\/www.psib-psoe.org\/mallorca\/analisi-durgencia-del-resultat-les-eleccions-als-estats-units-2020\/\" title=\"An\u00e0lisi d\u2019urg\u00e8ncia del resultat les eleccions als Estats Units 2020\">An\u00e0lisi d\u2019urg\u00e8ncia del resultat les eleccions als Estats Units 2020<\/a><\/h3>\n\t\t\t<\/header>\n\t\t<\/div>\n\t\t<div class=\"post-content\">\n\t\t\t<a href=\"https:\/\/www.psib-psoe.org\/mallorca\/analisi-durgencia-del-resultat-les-eleccions-als-estats-units-2020\/\" class=\"more-link\">Read More<\/a>\n\t\t<\/div>\n\t\t\t<aside class=\"post-bottom-meta hide\">\n\t\t<strong rel=\"author\" itemprop=\"author\" class=\"author vcard\"><span class=\"fn\">Marc<\/span><\/strong>\n\t\t<time class=\"date published time\" datetime=\"2020-11-09T11:37:06+02:00\" itemprop=\"datePublished\" content=\"2020-11-09T11:37:06+02:00\">09\/11\/2020<\/time>\n\t\t<meta itemprop=\"dateModified\" class=\"date updated\" content=\"2020-11-09T11:37:06+02:00\">\n\t\t<span class=\"hide\" itemprop=\"publisher\" itemscope itemtype=\"https:\/\/schema.org\/Organization\">\n\t\t\t<meta itemprop=\"name\" content=\"SocialistesdMca\">\n\t\t\t<span itemprop=\"logo\" itemscope itemtype=\"https:\/\/schema.org\/ImageObject\">\n\t\t\t\t<meta itemprop=\"url\" content=\"https:\/\/www.psib-psoe.org\/mallorca\/wp-content\/themes\/notio-wp\/assets\/img\/logo.png\">\n\t\t\t<\/span>\n\t\t\t<meta itemprop=\"url\" content=\"https:\/\/www.psib-psoe.org\/mallorca\/\">\n\t\t<\/span>\n\t\t\t\t<span class=\"hide\" itemprop=\"image\" itemscope itemtype=\"http:\/\/schema.org\/ImageObject\">\n\t\t\t<meta itemprop=\"url\" content=\"https:\/\/www.psib-psoe.org\/mallorca\/wp-content\/uploads\/Cosme-Bonet-Taxa-Google.jpeg\">\n\t\t\t<meta itemprop=\"width\" content=\"1600\">\n\t\t\t<meta itemprop=\"height\" content=\"1067\">\n\t\t<\/span>\n\t\t\t\t<meta itemscope itemprop=\"mainEntityOfPage\" itemtype=\"https:\/\/schema.org\/WebPage\" itemid=\"https:\/\/www.psib-psoe.org\/mallorca\/analisi-durgencia-del-resultat-les-eleccions-als-estats-units-2020\/\">\n\t<\/aside>\n\t\t<\/article>\n<\/div>\n<div class=\"small-12 large-4 columns\">\n\t<article itemscope itemtype=\"http:\/\/schema.org\/Article\" class=\"post blog-style7 alt post-25422 type-post status-publish format-standard has-post-thumbnail hentry category-opinio category-portada\" role=\"article\">\n\t\t<figure class=\"post-gallery\"><img loading=\"lazy\" decoding=\"async\" width=\"600\" height=\"400\" src=\"https:\/\/www.psib-psoe.org\/mallorca\/wp-content\/uploads\/Cosme-Bonet-ple-30-06-20-600x400.jpeg\" class=\"attachment-notio-general-x2 size-notio-general-x2 wp-post-image\" alt=\"\" srcset=\"https:\/\/www.psib-psoe.org\/mallorca\/wp-content\/uploads\/Cosme-Bonet-ple-30-06-20-600x400.jpeg 600w, https:\/\/www.psib-psoe.org\/mallorca\/wp-content\/uploads\/Cosme-Bonet-ple-30-06-20-300x200.jpeg 300w, https:\/\/www.psib-psoe.org\/mallorca\/wp-content\/uploads\/Cosme-Bonet-ple-30-06-20-768x512.jpeg 768w, https:\/\/www.psib-psoe.org\/mallorca\/wp-content\/uploads\/Cosme-Bonet-ple-30-06-20-1024x683.jpeg 1024w, https:\/\/www.psib-psoe.org\/mallorca\/wp-content\/uploads\/Cosme-Bonet-ple-30-06-20-150x100.jpeg 150w, https:\/\/www.psib-psoe.org\/mallorca\/wp-content\/uploads\/Cosme-Bonet-ple-30-06-20-900x600.jpeg 900w, https:\/\/www.psib-psoe.org\/mallorca\/wp-content\/uploads\/Cosme-Bonet-ple-30-06-20-20x13.jpeg 20w, https:\/\/www.psib-psoe.org\/mallorca\/wp-content\/uploads\/Cosme-Bonet-ple-30-06-20.jpeg 1920w\" sizes=\"(max-width: 600px) 100vw, 600px\" \/><\/figure>\n\t\t<div class=\"blog-top\">\n\t\t\t<header class=\"post-title entry-header\">\n\t\t\t\t<aside class=\"post-meta cf\">\n\t\t17\/08\/2020 \/ <a href=\"https:\/\/www.psib-psoe.org\/mallorca\/category\/opinio\/\" rel=\"category tag\">Opini\u00f3<\/a>, <a href=\"https:\/\/www.psib-psoe.org\/mallorca\/category\/portada\/\" rel=\"category tag\">Portada<\/a><\/aside>\n\t\t\t\t<h3 itemprop=\"headline\"><a href=\"https:\/\/www.psib-psoe.org\/mallorca\/son-coletes-de-la-necessitat-dobrir-fosses\/\" title=\"Son Coletes: de la necessitat d\u2019obrir fosses\">Son Coletes: de la necessitat d\u2019obrir fosses<\/a><\/h3>\n\t\t\t<\/header>\n\t\t<\/div>\n\t\t<div class=\"post-content\">\n\t\t\t<a href=\"https:\/\/www.psib-psoe.org\/mallorca\/son-coletes-de-la-necessitat-dobrir-fosses\/\" class=\"more-link\">Read More<\/a>\n\t\t<\/div>\n\t\t\t<aside class=\"post-bottom-meta hide\">\n\t\t<strong rel=\"author\" itemprop=\"author\" class=\"author vcard\"><span class=\"fn\">Marc<\/span><\/strong>\n\t\t<time class=\"date published time\" datetime=\"2020-08-17T11:12:22+02:00\" itemprop=\"datePublished\" content=\"2020-08-17T11:12:22+02:00\">17\/08\/2020<\/time>\n\t\t<meta itemprop=\"dateModified\" class=\"date updated\" content=\"2020-08-17T11:13:57+02:00\">\n\t\t<span class=\"hide\" itemprop=\"publisher\" itemscope itemtype=\"https:\/\/schema.org\/Organization\">\n\t\t\t<meta itemprop=\"name\" content=\"SocialistesdMca\">\n\t\t\t<span itemprop=\"logo\" itemscope itemtype=\"https:\/\/schema.org\/ImageObject\">\n\t\t\t\t<meta itemprop=\"url\" content=\"https:\/\/www.psib-psoe.org\/mallorca\/wp-content\/themes\/notio-wp\/assets\/img\/logo.png\">\n\t\t\t<\/span>\n\t\t\t<meta itemprop=\"url\" content=\"https:\/\/www.psib-psoe.org\/mallorca\/\">\n\t\t<\/span>\n\t\t\t\t<span class=\"hide\" itemprop=\"image\" itemscope itemtype=\"http:\/\/schema.org\/ImageObject\">\n\t\t\t<meta itemprop=\"url\" content=\"https:\/\/www.psib-psoe.org\/mallorca\/wp-content\/uploads\/Cosme-Bonet-ple-30-06-20.jpeg\">\n\t\t\t<meta itemprop=\"width\" content=\"1920\">\n\t\t\t<meta itemprop=\"height\" content=\"1280\">\n\t\t<\/span>\n\t\t\t\t<meta itemscope itemprop=\"mainEntityOfPage\" itemtype=\"https:\/\/schema.org\/WebPage\" itemid=\"https:\/\/www.psib-psoe.org\/mallorca\/son-coletes-de-la-necessitat-dobrir-fosses\/\">\n\t<\/aside>\n\t\t<\/article>\n<\/div>\n<div class=\"small-12 large-4 columns\">\n\t<article itemscope itemtype=\"http:\/\/schema.org\/Article\" class=\"post blog-style7 alt post-25364 type-post status-publish format-standard has-post-thumbnail hentry category-federacio-de-mallorca category-opinio category-portada tag-federacio-socialista-de-mallorca\" role=\"article\">\n\t\t<figure class=\"post-gallery\"><img loading=\"lazy\" decoding=\"async\" width=\"600\" height=\"400\" src=\"https:\/\/www.psib-psoe.org\/mallorca\/wp-content\/uploads\/Susanna-Moll-600x400.jpg\" class=\"attachment-notio-general-x2 size-notio-general-x2 wp-post-image\" alt=\"\" srcset=\"https:\/\/www.psib-psoe.org\/mallorca\/wp-content\/uploads\/Susanna-Moll-600x400.jpg 600w, https:\/\/www.psib-psoe.org\/mallorca\/wp-content\/uploads\/Susanna-Moll-300x200.jpg 300w, https:\/\/www.psib-psoe.org\/mallorca\/wp-content\/uploads\/Susanna-Moll-768x512.jpg 768w, https:\/\/www.psib-psoe.org\/mallorca\/wp-content\/uploads\/Susanna-Moll-1024x683.jpg 1024w, https:\/\/www.psib-psoe.org\/mallorca\/wp-content\/uploads\/Susanna-Moll-150x100.jpg 150w, https:\/\/www.psib-psoe.org\/mallorca\/wp-content\/uploads\/Susanna-Moll-900x600.jpg 900w, https:\/\/www.psib-psoe.org\/mallorca\/wp-content\/uploads\/Susanna-Moll-20x13.jpg 20w\" sizes=\"(max-width: 600px) 100vw, 600px\" \/><\/figure>\n\t\t<div class=\"blog-top\">\n\t\t\t<header class=\"post-title entry-header\">\n\t\t\t\t<aside class=\"post-meta cf\">\n\t\t04\/06\/2020 \/ <a href=\"https:\/\/www.psib-psoe.org\/mallorca\/category\/federacio-de-mallorca\/\" rel=\"category tag\">Federaci\u00f3 de Mallorca<\/a>, <a href=\"https:\/\/www.psib-psoe.org\/mallorca\/category\/opinio\/\" rel=\"category tag\">Opini\u00f3<\/a>, <a href=\"https:\/\/www.psib-psoe.org\/mallorca\/category\/portada\/\" rel=\"category tag\">Portada<\/a><\/aside>\n\t\t\t\t<h3 itemprop=\"headline\"><a href=\"https:\/\/www.psib-psoe.org\/mallorca\/el-dificil-equilibri-o-una-questio-de-fe-per-susanna-moll\/\" title=\"\u201cEl dif\u00edcil equilibri o una q\u00fcesti\u00f3 de fe\u201d, per Susanna Moll\">\u201cEl dif\u00edcil equilibri o una q\u00fcesti\u00f3 de fe\u201d, per Susanna Moll<\/a><\/h3>\n\t\t\t<\/header>\n\t\t<\/div>\n\t\t<div class=\"post-content\">\n\t\t\t<a href=\"https:\/\/www.psib-psoe.org\/mallorca\/el-dificil-equilibri-o-una-questio-de-fe-per-susanna-moll\/\" class=\"more-link\">Read More<\/a>\n\t\t<\/div>\n\t\t\t<aside class=\"post-bottom-meta hide\">\n\t\t<strong rel=\"author\" itemprop=\"author\" class=\"author vcard\"><span class=\"fn\">adminpsib<\/span><\/strong>\n\t\t<time class=\"date published time\" datetime=\"2020-06-04T10:50:33+02:00\" itemprop=\"datePublished\" content=\"2020-06-04T10:50:33+02:00\">04\/06\/2020<\/time>\n\t\t<meta itemprop=\"dateModified\" class=\"date updated\" content=\"2020-06-04T10:58:04+02:00\">\n\t\t<span class=\"hide\" itemprop=\"publisher\" itemscope itemtype=\"https:\/\/schema.org\/Organization\">\n\t\t\t<meta itemprop=\"name\" content=\"SocialistesdMca\">\n\t\t\t<span itemprop=\"logo\" itemscope itemtype=\"https:\/\/schema.org\/ImageObject\">\n\t\t\t\t<meta itemprop=\"url\" content=\"https:\/\/www.psib-psoe.org\/mallorca\/wp-content\/themes\/notio-wp\/assets\/img\/logo.png\">\n\t\t\t<\/span>\n\t\t\t<meta itemprop=\"url\" content=\"https:\/\/www.psib-psoe.org\/mallorca\/\">\n\t\t<\/span>\n\t\t\t\t<span class=\"hide\" itemprop=\"image\" itemscope itemtype=\"http:\/\/schema.org\/ImageObject\">\n\t\t\t<meta itemprop=\"url\" content=\"https:\/\/www.psib-psoe.org\/mallorca\/wp-content\/uploads\/Susanna-Moll.jpg\">\n\t\t\t<meta itemprop=\"width\" content=\"6240\">\n\t\t\t<meta itemprop=\"height\" content=\"4160\">\n\t\t<\/span>\n\t\t\t\t<meta itemscope itemprop=\"mainEntityOfPage\" itemtype=\"https:\/\/schema.org\/WebPage\" itemid=\"https:\/\/www.psib-psoe.org\/mallorca\/el-dificil-equilibri-o-una-questio-de-fe-per-susanna-moll\/\">\n\t<\/aside>\n\t\t<\/article>\n<\/div>\n<div class=\"small-12 large-4 columns\">\n\t<article itemscope itemtype=\"http:\/\/schema.org\/Article\" class=\"post blog-style7 alt post-25346 type-post status-publish format-standard has-post-thumbnail hentry category-opinio category-portada\" role=\"article\">\n\t\t<figure class=\"post-gallery\"><img loading=\"lazy\" decoding=\"async\" width=\"600\" height=\"400\" src=\"https:\/\/www.psib-psoe.org\/mallorca\/wp-content\/uploads\/Cosme-Bonet-13-600x400.jpg\" class=\"attachment-notio-general-x2 size-notio-general-x2 wp-post-image\" alt=\"\" srcset=\"https:\/\/www.psib-psoe.org\/mallorca\/wp-content\/uploads\/Cosme-Bonet-13-600x400.jpg 600w, https:\/\/www.psib-psoe.org\/mallorca\/wp-content\/uploads\/Cosme-Bonet-13-300x200.jpg 300w, https:\/\/www.psib-psoe.org\/mallorca\/wp-content\/uploads\/Cosme-Bonet-13-768x512.jpg 768w, https:\/\/www.psib-psoe.org\/mallorca\/wp-content\/uploads\/Cosme-Bonet-13-1024x683.jpg 1024w, https:\/\/www.psib-psoe.org\/mallorca\/wp-content\/uploads\/Cosme-Bonet-13-150x100.jpg 150w, https:\/\/www.psib-psoe.org\/mallorca\/wp-content\/uploads\/Cosme-Bonet-13-900x600.jpg 900w, https:\/\/www.psib-psoe.org\/mallorca\/wp-content\/uploads\/Cosme-Bonet-13-20x13.jpg 20w\" sizes=\"(max-width: 600px) 100vw, 600px\" \/><\/figure>\n\t\t<div class=\"blog-top\">\n\t\t\t<header class=\"post-title entry-header\">\n\t\t\t\t<aside class=\"post-meta cf\">\n\t\t18\/05\/2020 \/ <a href=\"https:\/\/www.psib-psoe.org\/mallorca\/category\/opinio\/\" rel=\"category tag\">Opini\u00f3<\/a>, <a href=\"https:\/\/www.psib-psoe.org\/mallorca\/category\/portada\/\" rel=\"category tag\">Portada<\/a><\/aside>\n\t\t\t\t<h3 itemprop=\"headline\"><a href=\"https:\/\/www.psib-psoe.org\/mallorca\/el-turisme-en-el-seu-any-mes-dificil\/\" title=\"El turisme en el seu any m\u00e9s dif\u00edcil\">El turisme en el seu any m\u00e9s dif\u00edcil<\/a><\/h3>\n\t\t\t<\/header>\n\t\t<\/div>\n\t\t<div class=\"post-content\">\n\t\t\t<a href=\"https:\/\/www.psib-psoe.org\/mallorca\/el-turisme-en-el-seu-any-mes-dificil\/\" class=\"more-link\">Read More<\/a>\n\t\t<\/div>\n\t\t\t<aside class=\"post-bottom-meta hide\">\n\t\t<strong rel=\"author\" itemprop=\"author\" class=\"author vcard\"><span class=\"fn\">Marc<\/span><\/strong>\n\t\t<time class=\"date published time\" datetime=\"2020-05-18T10:27:00+02:00\" itemprop=\"datePublished\" content=\"2020-05-18T10:27:00+02:00\">18\/05\/2020<\/time>\n\t\t<meta itemprop=\"dateModified\" class=\"date updated\" content=\"2020-05-18T10:27:00+02:00\">\n\t\t<span class=\"hide\" itemprop=\"publisher\" itemscope itemtype=\"https:\/\/schema.org\/Organization\">\n\t\t\t<meta itemprop=\"name\" content=\"SocialistesdMca\">\n\t\t\t<span itemprop=\"logo\" itemscope itemtype=\"https:\/\/schema.org\/ImageObject\">\n\t\t\t\t<meta itemprop=\"url\" content=\"https:\/\/www.psib-psoe.org\/mallorca\/wp-content\/themes\/notio-wp\/assets\/img\/logo.png\">\n\t\t\t<\/span>\n\t\t\t<meta itemprop=\"url\" content=\"https:\/\/www.psib-psoe.org\/mallorca\/\">\n\t\t<\/span>\n\t\t\t\t<span class=\"hide\" itemprop=\"image\" itemscope itemtype=\"http:\/\/schema.org\/ImageObject\">\n\t\t\t<meta itemprop=\"url\" content=\"https:\/\/www.psib-psoe.org\/mallorca\/wp-content\/uploads\/Cosme-Bonet-13.jpg\">\n\t\t\t<meta itemprop=\"width\" content=\"4896\">\n\t\t\t<meta itemprop=\"height\" content=\"3264\">\n\t\t<\/span>\n\t\t\t\t<meta itemscope itemprop=\"mainEntityOfPage\" itemtype=\"https:\/\/schema.org\/WebPage\" itemid=\"https:\/\/www.psib-psoe.org\/mallorca\/el-turisme-en-el-seu-any-mes-dificil\/\">\n\t<\/aside>\n\t\t<\/article>\n<\/div>\n<div class=\"small-12 large-4 columns\">\n\t<article itemscope itemtype=\"http:\/\/schema.org\/Article\" class=\"post blog-style7 alt post-25336 type-post status-publish format-standard has-post-thumbnail hentry category-opinio category-portada\" role=\"article\">\n\t\t<figure class=\"post-gallery\"><img loading=\"lazy\" decoding=\"async\" width=\"600\" height=\"400\" src=\"https:\/\/www.psib-psoe.org\/mallorca\/wp-content\/uploads\/12-Juli-Dalmau_05-600x400.jpg\" class=\"attachment-notio-general-x2 size-notio-general-x2 wp-post-image\" alt=\"\" srcset=\"https:\/\/www.psib-psoe.org\/mallorca\/wp-content\/uploads\/12-Juli-Dalmau_05-600x400.jpg 600w, https:\/\/www.psib-psoe.org\/mallorca\/wp-content\/uploads\/12-Juli-Dalmau_05-300x200.jpg 300w, https:\/\/www.psib-psoe.org\/mallorca\/wp-content\/uploads\/12-Juli-Dalmau_05-768x512.jpg 768w, https:\/\/www.psib-psoe.org\/mallorca\/wp-content\/uploads\/12-Juli-Dalmau_05-1024x683.jpg 1024w, https:\/\/www.psib-psoe.org\/mallorca\/wp-content\/uploads\/12-Juli-Dalmau_05-150x100.jpg 150w, https:\/\/www.psib-psoe.org\/mallorca\/wp-content\/uploads\/12-Juli-Dalmau_05-900x600.jpg 900w, https:\/\/www.psib-psoe.org\/mallorca\/wp-content\/uploads\/12-Juli-Dalmau_05-20x13.jpg 20w\" sizes=\"(max-width: 600px) 100vw, 600px\" \/><\/figure>\n\t\t<div class=\"blog-top\">\n\t\t\t<header class=\"post-title entry-header\">\n\t\t\t\t<aside class=\"post-meta cf\">\n\t\t13\/05\/2020 \/ <a href=\"https:\/\/www.psib-psoe.org\/mallorca\/category\/opinio\/\" rel=\"category tag\">Opini\u00f3<\/a>, <a href=\"https:\/\/www.psib-psoe.org\/mallorca\/category\/portada\/\" rel=\"category tag\">Portada<\/a><\/aside>\n\t\t\t\t<h3 itemprop=\"headline\"><a href=\"https:\/\/www.psib-psoe.org\/mallorca\/un-pacte-de-reconstruccio-municipal-el-punt-de-partida\/\" title=\"Un pacte de reconstrucci\u00f3 municipal: el punt de partida\">Un pacte de reconstrucci\u00f3 municipal: el punt de partida<\/a><\/h3>\n\t\t\t<\/header>\n\t\t<\/div>\n\t\t<div class=\"post-content\">\n\t\t\t<a href=\"https:\/\/www.psib-psoe.org\/mallorca\/un-pacte-de-reconstruccio-municipal-el-punt-de-partida\/\" class=\"more-link\">Read More<\/a>\n\t\t<\/div>\n\t\t\t<aside class=\"post-bottom-meta hide\">\n\t\t<strong rel=\"author\" itemprop=\"author\" class=\"author vcard\"><span class=\"fn\">Marc<\/span><\/strong>\n\t\t<time class=\"date published time\" datetime=\"2020-05-13T10:12:18+02:00\" itemprop=\"datePublished\" content=\"2020-05-13T10:12:18+02:00\">13\/05\/2020<\/time>\n\t\t<meta itemprop=\"dateModified\" class=\"date updated\" content=\"2020-05-13T10:12:18+02:00\">\n\t\t<span class=\"hide\" itemprop=\"publisher\" itemscope itemtype=\"https:\/\/schema.org\/Organization\">\n\t\t\t<meta itemprop=\"name\" content=\"SocialistesdMca\">\n\t\t\t<span itemprop=\"logo\" itemscope itemtype=\"https:\/\/schema.org\/ImageObject\">\n\t\t\t\t<meta itemprop=\"url\" content=\"https:\/\/www.psib-psoe.org\/mallorca\/wp-content\/themes\/notio-wp\/assets\/img\/logo.png\">\n\t\t\t<\/span>\n\t\t\t<meta itemprop=\"url\" content=\"https:\/\/www.psib-psoe.org\/mallorca\/\">\n\t\t<\/span>\n\t\t\t\t<span class=\"hide\" itemprop=\"image\" itemscope itemtype=\"http:\/\/schema.org\/ImageObject\">\n\t\t\t<meta itemprop=\"url\" content=\"https:\/\/www.psib-psoe.org\/mallorca\/wp-content\/uploads\/12-Juli-Dalmau_05.jpg\">\n\t\t\t<meta itemprop=\"width\" content=\"4686\">\n\t\t\t<meta itemprop=\"height\" content=\"3124\">\n\t\t<\/span>\n\t\t\t\t<meta itemscope itemprop=\"mainEntityOfPage\" itemtype=\"https:\/\/schema.org\/WebPage\" itemid=\"https:\/\/www.psib-psoe.org\/mallorca\/un-pacte-de-reconstruccio-municipal-el-punt-de-partida\/\">\n\t<\/aside>\n\t\t<\/article>\n<\/div>\n<div class=\"small-12 large-4 columns\">\n\t<article itemscope itemtype=\"http:\/\/schema.org\/Article\" class=\"post blog-style7 alt post-25302 type-post status-publish format-standard has-post-thumbnail hentry category-opinio category-portada\" role=\"article\">\n\t\t<figure class=\"post-gallery\"><img loading=\"lazy\" decoding=\"async\" width=\"600\" height=\"400\" src=\"https:\/\/www.psib-psoe.org\/mallorca\/wp-content\/uploads\/Lorena-Oliver-3-600x400.jpg\" class=\"attachment-notio-general-x2 size-notio-general-x2 wp-post-image\" alt=\"\" srcset=\"https:\/\/www.psib-psoe.org\/mallorca\/wp-content\/uploads\/Lorena-Oliver-3-600x400.jpg 600w, https:\/\/www.psib-psoe.org\/mallorca\/wp-content\/uploads\/Lorena-Oliver-3-300x200.jpg 300w, https:\/\/www.psib-psoe.org\/mallorca\/wp-content\/uploads\/Lorena-Oliver-3-900x600.jpg 900w, https:\/\/www.psib-psoe.org\/mallorca\/wp-content\/uploads\/Lorena-Oliver-3-20x13.jpg 20w\" sizes=\"(max-width: 600px) 100vw, 600px\" \/><\/figure>\n\t\t<div class=\"blog-top\">\n\t\t\t<header class=\"post-title entry-header\">\n\t\t\t\t<aside class=\"post-meta cf\">\n\t\t30\/04\/2020 \/ <a href=\"https:\/\/www.psib-psoe.org\/mallorca\/category\/opinio\/\" rel=\"category tag\">Opini\u00f3<\/a>, <a href=\"https:\/\/www.psib-psoe.org\/mallorca\/category\/portada\/\" rel=\"category tag\">Portada<\/a><\/aside>\n\t\t\t\t<h3 itemprop=\"headline\"><a href=\"https:\/\/www.psib-psoe.org\/mallorca\/valors-democratics-i-covid19\/\" title=\"Valors democr\u00e0tics i COVID19\">Valors democr\u00e0tics i COVID19<\/a><\/h3>\n\t\t\t<\/header>\n\t\t<\/div>\n\t\t<div class=\"post-content\">\n\t\t\t<a href=\"https:\/\/www.psib-psoe.org\/mallorca\/valors-democratics-i-covid19\/\" class=\"more-link\">Read More<\/a>\n\t\t<\/div>\n\t\t\t<aside class=\"post-bottom-meta hide\">\n\t\t<strong rel=\"author\" itemprop=\"author\" class=\"author vcard\"><span class=\"fn\">Marc<\/span><\/strong>\n\t\t<time class=\"date published time\" datetime=\"2020-04-30T12:09:50+02:00\" itemprop=\"datePublished\" content=\"2020-04-30T12:09:50+02:00\">30\/04\/2020<\/time>\n\t\t<meta itemprop=\"dateModified\" class=\"date updated\" content=\"2020-04-30T12:09:50+02:00\">\n\t\t<span class=\"hide\" itemprop=\"publisher\" itemscope itemtype=\"https:\/\/schema.org\/Organization\">\n\t\t\t<meta itemprop=\"name\" content=\"SocialistesdMca\">\n\t\t\t<span itemprop=\"logo\" itemscope itemtype=\"https:\/\/schema.org\/ImageObject\">\n\t\t\t\t<meta itemprop=\"url\" content=\"https:\/\/www.psib-psoe.org\/mallorca\/wp-content\/themes\/notio-wp\/assets\/img\/logo.png\">\n\t\t\t<\/span>\n\t\t\t<meta itemprop=\"url\" content=\"https:\/\/www.psib-psoe.org\/mallorca\/\">\n\t\t<\/span>\n\t\t\t\t<span class=\"hide\" itemprop=\"image\" itemscope itemtype=\"http:\/\/schema.org\/ImageObject\">\n\t\t\t<meta itemprop=\"url\" content=\"https:\/\/www.psib-psoe.org\/mallorca\/wp-content\/uploads\/Lorena-Oliver-3.jpg\">\n\t\t\t<meta itemprop=\"width\" content=\"942\">\n\t\t\t<meta itemprop=\"height\" content=\"960\">\n\t\t<\/span>\n\t\t\t\t<meta itemscope itemprop=\"mainEntityOfPage\" itemtype=\"https:\/\/schema.org\/WebPage\" itemid=\"https:\/\/www.psib-psoe.org\/mallorca\/valors-democratics-i-covid19\/\">\n\t<\/aside>\n\t\t<\/article>\n<\/div>\n<div class=\"small-12 large-4 columns\">\n\t<article itemscope itemtype=\"http:\/\/schema.org\/Article\" class=\"post blog-style7 alt post-25174 type-post status-publish format-standard has-post-thumbnail hentry category-federacio-de-mallorca category-opinio category-portada tag-federacio-socialista-de-mallorca\" role=\"article\">\n\t\t<figure class=\"post-gallery\"><img loading=\"lazy\" decoding=\"async\" width=\"600\" height=\"400\" src=\"https:\/\/www.psib-psoe.org\/mallorca\/wp-content\/uploads\/Jaume-Mateu-Soller-600x400.jpg\" class=\"attachment-notio-general-x2 size-notio-general-x2 wp-post-image\" alt=\"\" srcset=\"https:\/\/www.psib-psoe.org\/mallorca\/wp-content\/uploads\/Jaume-Mateu-Soller-600x400.jpg 600w, https:\/\/www.psib-psoe.org\/mallorca\/wp-content\/uploads\/Jaume-Mateu-Soller-300x200.jpg 300w, https:\/\/www.psib-psoe.org\/mallorca\/wp-content\/uploads\/Jaume-Mateu-Soller-768x511.jpg 768w, https:\/\/www.psib-psoe.org\/mallorca\/wp-content\/uploads\/Jaume-Mateu-Soller-150x100.jpg 150w, https:\/\/www.psib-psoe.org\/mallorca\/wp-content\/uploads\/Jaume-Mateu-Soller-900x600.jpg 900w, https:\/\/www.psib-psoe.org\/mallorca\/wp-content\/uploads\/Jaume-Mateu-Soller-20x13.jpg 20w, https:\/\/www.psib-psoe.org\/mallorca\/wp-content\/uploads\/Jaume-Mateu-Soller.jpg 1000w\" sizes=\"(max-width: 600px) 100vw, 600px\" \/><\/figure>\n\t\t<div class=\"blog-top\">\n\t\t\t<header class=\"post-title entry-header\">\n\t\t\t\t<aside class=\"post-meta cf\">\n\t\t18\/04\/2020 \/ <a href=\"https:\/\/www.psib-psoe.org\/mallorca\/category\/federacio-de-mallorca\/\" rel=\"category tag\">Federaci\u00f3 de Mallorca<\/a>, <a href=\"https:\/\/www.psib-psoe.org\/mallorca\/category\/opinio\/\" rel=\"category tag\">Opini\u00f3<\/a>, <a href=\"https:\/\/www.psib-psoe.org\/mallorca\/category\/portada\/\" rel=\"category tag\">Portada<\/a><\/aside>\n\t\t\t\t<h3 itemprop=\"headline\"><a href=\"https:\/\/www.psib-psoe.org\/mallorca\/amsterdam-1973\/\" title=\"Amsterdam, 1973\">Amsterdam, 1973<\/a><\/h3>\n\t\t\t<\/header>\n\t\t<\/div>\n\t\t<div class=\"post-content\">\n\t\t\t<a href=\"https:\/\/www.psib-psoe.org\/mallorca\/amsterdam-1973\/\" class=\"more-link\">Read More<\/a>\n\t\t<\/div>\n\t\t\t<aside class=\"post-bottom-meta hide\">\n\t\t<strong rel=\"author\" itemprop=\"author\" class=\"author vcard\"><span class=\"fn\">adminpsib<\/span><\/strong>\n\t\t<time class=\"date published time\" datetime=\"2020-04-18T12:35:32+02:00\" itemprop=\"datePublished\" content=\"2020-04-18T12:35:32+02:00\">18\/04\/2020<\/time>\n\t\t<meta itemprop=\"dateModified\" class=\"date updated\" content=\"2020-04-20T14:44:38+02:00\">\n\t\t<span class=\"hide\" itemprop=\"publisher\" itemscope itemtype=\"https:\/\/schema.org\/Organization\">\n\t\t\t<meta itemprop=\"name\" content=\"SocialistesdMca\">\n\t\t\t<span itemprop=\"logo\" itemscope itemtype=\"https:\/\/schema.org\/ImageObject\">\n\t\t\t\t<meta itemprop=\"url\" content=\"https:\/\/www.psib-psoe.org\/mallorca\/wp-content\/themes\/notio-wp\/assets\/img\/logo.png\">\n\t\t\t<\/span>\n\t\t\t<meta itemprop=\"url\" content=\"https:\/\/www.psib-psoe.org\/mallorca\/\">\n\t\t<\/span>\n\t\t\t\t<span class=\"hide\" itemprop=\"image\" itemscope itemtype=\"http:\/\/schema.org\/ImageObject\">\n\t\t\t<meta itemprop=\"url\" content=\"https:\/\/www.psib-psoe.org\/mallorca\/wp-content\/uploads\/Jaume-Mateu-Soller.jpg\">\n\t\t\t<meta itemprop=\"width\" content=\"1000\">\n\t\t\t<meta itemprop=\"height\" content=\"666\">\n\t\t<\/span>\n\t\t\t\t<meta itemscope itemprop=\"mainEntityOfPage\" itemtype=\"https:\/\/schema.org\/WebPage\" itemid=\"https:\/\/www.psib-psoe.org\/mallorca\/amsterdam-1973\/\">\n\t<\/aside>\n\t\t<\/article>\n<\/div>\n<div class=\"small-12 large-4 columns\">\n\t<article itemscope itemtype=\"http:\/\/schema.org\/Article\" class=\"post blog-style7 alt post-25160 type-post status-publish format-standard has-post-thumbnail hentry category-federacio-de-mallorca category-opinio category-portada tag-federacio-socialista-de-mallorca\" role=\"article\">\n\t\t<figure class=\"post-gallery\"><img loading=\"lazy\" decoding=\"async\" width=\"600\" height=\"400\" src=\"https:\/\/www.psib-psoe.org\/mallorca\/wp-content\/uploads\/NATI-600x400.jpg\" class=\"attachment-notio-general-x2 size-notio-general-x2 wp-post-image\" alt=\"\" srcset=\"https:\/\/www.psib-psoe.org\/mallorca\/wp-content\/uploads\/NATI-600x400.jpg 600w, https:\/\/www.psib-psoe.org\/mallorca\/wp-content\/uploads\/NATI-300x200.jpg 300w, https:\/\/www.psib-psoe.org\/mallorca\/wp-content\/uploads\/NATI-900x600.jpg 900w, https:\/\/www.psib-psoe.org\/mallorca\/wp-content\/uploads\/NATI-20x13.jpg 20w\" sizes=\"(max-width: 600px) 100vw, 600px\" \/><\/figure>\n\t\t<div class=\"blog-top\">\n\t\t\t<header class=\"post-title entry-header\">\n\t\t\t\t<aside class=\"post-meta cf\">\n\t\t15\/04\/2020 \/ <a href=\"https:\/\/www.psib-psoe.org\/mallorca\/category\/federacio-de-mallorca\/\" rel=\"category tag\">Federaci\u00f3 de Mallorca<\/a>, <a href=\"https:\/\/www.psib-psoe.org\/mallorca\/category\/opinio\/\" rel=\"category tag\">Opini\u00f3<\/a>, <a href=\"https:\/\/www.psib-psoe.org\/mallorca\/category\/portada\/\" rel=\"category tag\">Portada<\/a><\/aside>\n\t\t\t\t<h3 itemprop=\"headline\"><a href=\"https:\/\/www.psib-psoe.org\/mallorca\/educacio-en-temps-del-coronavirus-repte-i-oportunitat-per-a-la-reflexio\/\" title=\"Educaci\u00f3 en temps del Coronavirus: repte i oportunitat per a la reflexi\u00f3\">Educaci\u00f3 en temps del Coronavirus: repte i oportunitat per a la reflexi\u00f3<\/a><\/h3>\n\t\t\t<\/header>\n\t\t<\/div>\n\t\t<div class=\"post-content\">\n\t\t\t<a href=\"https:\/\/www.psib-psoe.org\/mallorca\/educacio-en-temps-del-coronavirus-repte-i-oportunitat-per-a-la-reflexio\/\" class=\"more-link\">Read More<\/a>\n\t\t<\/div>\n\t\t\t<aside class=\"post-bottom-meta hide\">\n\t\t<strong rel=\"author\" itemprop=\"author\" class=\"author vcard\"><span class=\"fn\">adminpsib<\/span><\/strong>\n\t\t<time class=\"date published time\" datetime=\"2020-04-15T11:37:59+02:00\" itemprop=\"datePublished\" content=\"2020-04-15T11:37:59+02:00\">15\/04\/2020<\/time>\n\t\t<meta itemprop=\"dateModified\" class=\"date updated\" content=\"2020-04-20T14:44:59+02:00\">\n\t\t<span class=\"hide\" itemprop=\"publisher\" itemscope itemtype=\"https:\/\/schema.org\/Organization\">\n\t\t\t<meta itemprop=\"name\" content=\"SocialistesdMca\">\n\t\t\t<span itemprop=\"logo\" itemscope itemtype=\"https:\/\/schema.org\/ImageObject\">\n\t\t\t\t<meta itemprop=\"url\" content=\"https:\/\/www.psib-psoe.org\/mallorca\/wp-content\/themes\/notio-wp\/assets\/img\/logo.png\">\n\t\t\t<\/span>\n\t\t\t<meta itemprop=\"url\" content=\"https:\/\/www.psib-psoe.org\/mallorca\/\">\n\t\t<\/span>\n\t\t\t\t<span class=\"hide\" itemprop=\"image\" itemscope itemtype=\"http:\/\/schema.org\/ImageObject\">\n\t\t\t<meta itemprop=\"url\" content=\"https:\/\/www.psib-psoe.org\/mallorca\/wp-content\/uploads\/NATI.jpg\">\n\t\t\t<meta itemprop=\"width\" content=\"960\">\n\t\t\t<meta itemprop=\"height\" content=\"966\">\n\t\t<\/span>\n\t\t\t\t<meta itemscope itemprop=\"mainEntityOfPage\" itemtype=\"https:\/\/schema.org\/WebPage\" itemid=\"https:\/\/www.psib-psoe.org\/mallorca\/educacio-en-temps-del-coronavirus-repte-i-oportunitat-per-a-la-reflexio\/\">\n\t<\/aside>\n\t\t<\/article>\n<\/div>\n<div class=\"small-12 large-4 columns\">\n\t<article itemscope itemtype=\"http:\/\/schema.org\/Article\" class=\"post blog-style7 alt post-25086 type-post status-publish format-standard has-post-thumbnail hentry category-federacio-de-mallorca category-opinio category-portada tag-cosme-bonet tag-covid19 tag-federacio-socialista-de-mallorca tag-senat\" role=\"article\">\n\t\t<figure class=\"post-gallery\"><img loading=\"lazy\" decoding=\"async\" width=\"600\" height=\"400\" src=\"https:\/\/www.psib-psoe.org\/mallorca\/wp-content\/uploads\/Cosme-Bonet-13-600x400.jpg\" class=\"attachment-notio-general-x2 size-notio-general-x2 wp-post-image\" alt=\"\" srcset=\"https:\/\/www.psib-psoe.org\/mallorca\/wp-content\/uploads\/Cosme-Bonet-13-600x400.jpg 600w, https:\/\/www.psib-psoe.org\/mallorca\/wp-content\/uploads\/Cosme-Bonet-13-300x200.jpg 300w, https:\/\/www.psib-psoe.org\/mallorca\/wp-content\/uploads\/Cosme-Bonet-13-768x512.jpg 768w, https:\/\/www.psib-psoe.org\/mallorca\/wp-content\/uploads\/Cosme-Bonet-13-1024x683.jpg 1024w, https:\/\/www.psib-psoe.org\/mallorca\/wp-content\/uploads\/Cosme-Bonet-13-150x100.jpg 150w, https:\/\/www.psib-psoe.org\/mallorca\/wp-content\/uploads\/Cosme-Bonet-13-900x600.jpg 900w, https:\/\/www.psib-psoe.org\/mallorca\/wp-content\/uploads\/Cosme-Bonet-13-20x13.jpg 20w\" sizes=\"(max-width: 600px) 100vw, 600px\" \/><\/figure>\n\t\t<div class=\"blog-top\">\n\t\t\t<header class=\"post-title entry-header\">\n\t\t\t\t<aside class=\"post-meta cf\">\n\t\t30\/03\/2020 \/ <a href=\"https:\/\/www.psib-psoe.org\/mallorca\/category\/federacio-de-mallorca\/\" rel=\"category tag\">Federaci\u00f3 de Mallorca<\/a>, <a href=\"https:\/\/www.psib-psoe.org\/mallorca\/category\/opinio\/\" rel=\"category tag\">Opini\u00f3<\/a>, <a href=\"https:\/\/www.psib-psoe.org\/mallorca\/category\/portada\/\" rel=\"category tag\">Portada<\/a><\/aside>\n\t\t\t\t<h3 itemprop=\"headline\"><a href=\"https:\/\/www.psib-psoe.org\/mallorca\/llicons-del-major-desafiament-des-de-la-ii-guerra-mundial-per-cosme-bonet\/\" title=\"\u201cLli\u00e7ons del major desafiament des de la II Guerra Mundial\u201d, per Cosme Bonet\">\u201cLli\u00e7ons del major desafiament des de la II Guerra Mundial\u201d, per Cosme Bonet<\/a><\/h3>\n\t\t\t<\/header>\n\t\t<\/div>\n\t\t<div class=\"post-content\">\n\t\t\t<a href=\"https:\/\/www.psib-psoe.org\/mallorca\/llicons-del-major-desafiament-des-de-la-ii-guerra-mundial-per-cosme-bonet\/\" class=\"more-link\">Read More<\/a>\n\t\t<\/div>\n\t\t\t<aside class=\"post-bottom-meta hide\">\n\t\t<strong rel=\"author\" itemprop=\"author\" class=\"author vcard\"><span class=\"fn\">adminpsib<\/span><\/strong>\n\t\t<time class=\"date published time\" datetime=\"2020-03-30T15:48:49+02:00\" itemprop=\"datePublished\" content=\"2020-03-30T15:48:49+02:00\">30\/03\/2020<\/time>\n\t\t<meta itemprop=\"dateModified\" class=\"date updated\" content=\"2020-04-20T14:45:09+02:00\">\n\t\t<span class=\"hide\" itemprop=\"publisher\" itemscope itemtype=\"https:\/\/schema.org\/Organization\">\n\t\t\t<meta itemprop=\"name\" content=\"SocialistesdMca\">\n\t\t\t<span itemprop=\"logo\" itemscope itemtype=\"https:\/\/schema.org\/ImageObject\">\n\t\t\t\t<meta itemprop=\"url\" content=\"https:\/\/www.psib-psoe.org\/mallorca\/wp-content\/themes\/notio-wp\/assets\/img\/logo.png\">\n\t\t\t<\/span>\n\t\t\t<meta itemprop=\"url\" content=\"https:\/\/www.psib-psoe.org\/mallorca\/\">\n\t\t<\/span>\n\t\t\t\t<span class=\"hide\" itemprop=\"image\" itemscope itemtype=\"http:\/\/schema.org\/ImageObject\">\n\t\t\t<meta itemprop=\"url\" content=\"https:\/\/www.psib-psoe.org\/mallorca\/wp-content\/uploads\/Cosme-Bonet-13.jpg\">\n\t\t\t<meta itemprop=\"width\" content=\"4896\">\n\t\t\t<meta itemprop=\"height\" content=\"3264\">\n\t\t<\/span>\n\t\t\t\t<meta itemscope itemprop=\"mainEntityOfPage\" itemtype=\"https:\/\/schema.org\/WebPage\" itemid=\"https:\/\/www.psib-psoe.org\/mallorca\/llicons-del-major-desafiament-des-de-la-ii-guerra-mundial-per-cosme-bonet\/\">\n\t<\/aside>\n\t\t<\/article>\n<\/div>\n<div class=\"small-12 large-4 columns\">\n\t<article itemscope itemtype=\"http:\/\/schema.org\/Article\" class=\"post blog-style7 alt post-25080 type-post status-publish format-standard has-post-thumbnail hentry category-federacio-de-mallorca category-opinio category-portada tag-covid19 tag-federacio-socialista-de-mallorca tag-senat tag-susanna-moll\" role=\"article\">\n\t\t<figure class=\"post-gallery\"><img loading=\"lazy\" decoding=\"async\" width=\"600\" height=\"400\" src=\"https:\/\/www.psib-psoe.org\/mallorca\/wp-content\/uploads\/susanna-moll-cosme-bonet-patricia-abascal-senat-600x400.jpeg\" class=\"attachment-notio-general-x2 size-notio-general-x2 wp-post-image\" alt=\"\" srcset=\"https:\/\/www.psib-psoe.org\/mallorca\/wp-content\/uploads\/susanna-moll-cosme-bonet-patricia-abascal-senat-600x400.jpeg 600w, https:\/\/www.psib-psoe.org\/mallorca\/wp-content\/uploads\/susanna-moll-cosme-bonet-patricia-abascal-senat-300x200.jpeg 300w, https:\/\/www.psib-psoe.org\/mallorca\/wp-content\/uploads\/susanna-moll-cosme-bonet-patricia-abascal-senat-900x600.jpeg 900w, https:\/\/www.psib-psoe.org\/mallorca\/wp-content\/uploads\/susanna-moll-cosme-bonet-patricia-abascal-senat-20x13.jpeg 20w\" sizes=\"(max-width: 600px) 100vw, 600px\" \/><\/figure>\n\t\t<div class=\"blog-top\">\n\t\t\t<header class=\"post-title entry-header\">\n\t\t\t\t<aside class=\"post-meta cf\">\n\t\t26\/03\/2020 \/ <a href=\"https:\/\/www.psib-psoe.org\/mallorca\/category\/federacio-de-mallorca\/\" rel=\"category tag\">Federaci\u00f3 de Mallorca<\/a>, <a href=\"https:\/\/www.psib-psoe.org\/mallorca\/category\/opinio\/\" rel=\"category tag\">Opini\u00f3<\/a>, <a href=\"https:\/\/www.psib-psoe.org\/mallorca\/category\/portada\/\" rel=\"category tag\">Portada<\/a><\/aside>\n\t\t\t\t<h3 itemprop=\"headline\"><a href=\"https:\/\/www.psib-psoe.org\/mallorca\/la-normalitat-per-susanna-moll\/\" title=\"&#8220;La normalitat&#8221;, per Susanna Moll\">&#8220;La normalitat&#8221;, per Susanna Moll<\/a><\/h3>\n\t\t\t<\/header>\n\t\t<\/div>\n\t\t<div class=\"post-content\">\n\t\t\t<a href=\"https:\/\/www.psib-psoe.org\/mallorca\/la-normalitat-per-susanna-moll\/\" class=\"more-link\">Read More<\/a>\n\t\t<\/div>\n\t\t\t<aside class=\"post-bottom-meta hide\">\n\t\t<strong rel=\"author\" itemprop=\"author\" class=\"author vcard\"><span class=\"fn\">adminpsib<\/span><\/strong>\n\t\t<time class=\"date published time\" datetime=\"2020-03-26T11:28:58+02:00\" itemprop=\"datePublished\" content=\"2020-03-26T11:28:58+02:00\">26\/03\/2020<\/time>\n\t\t<meta itemprop=\"dateModified\" class=\"date updated\" content=\"2020-04-20T14:45:25+02:00\">\n\t\t<span class=\"hide\" itemprop=\"publisher\" itemscope itemtype=\"https:\/\/schema.org\/Organization\">\n\t\t\t<meta itemprop=\"name\" content=\"SocialistesdMca\">\n\t\t\t<span itemprop=\"logo\" itemscope itemtype=\"https:\/\/schema.org\/ImageObject\">\n\t\t\t\t<meta itemprop=\"url\" content=\"https:\/\/www.psib-psoe.org\/mallorca\/wp-content\/themes\/notio-wp\/assets\/img\/logo.png\">\n\t\t\t<\/span>\n\t\t\t<meta itemprop=\"url\" content=\"https:\/\/www.psib-psoe.org\/mallorca\/\">\n\t\t<\/span>\n\t\t\t\t<span class=\"hide\" itemprop=\"image\" itemscope itemtype=\"http:\/\/schema.org\/ImageObject\">\n\t\t\t<meta itemprop=\"url\" content=\"https:\/\/www.psib-psoe.org\/mallorca\/wp-content\/uploads\/susanna-moll-cosme-bonet-patricia-abascal-senat.jpeg\">\n\t\t\t<meta itemprop=\"width\" content=\"1024\">\n\t\t\t<meta itemprop=\"height\" content=\"769\">\n\t\t<\/span>\n\t\t\t\t<meta itemscope itemprop=\"mainEntityOfPage\" itemtype=\"https:\/\/schema.org\/WebPage\" itemid=\"https:\/\/www.psib-psoe.org\/mallorca\/la-normalitat-per-susanna-moll\/\">\n\t<\/aside>\n\t\t<\/article>\n<\/div>\n<div class=\"small-12 large-4 columns\">\n\t<article itemscope itemtype=\"http:\/\/schema.org\/Article\" class=\"post blog-style7 alt post-24107 type-post status-publish format-standard has-post-thumbnail hentry category-federacio-de-mallorca category-opinio\" role=\"article\">\n\t\t<figure class=\"post-gallery\"><img loading=\"lazy\" decoding=\"async\" width=\"600\" height=\"400\" src=\"https:\/\/www.psib-psoe.org\/mallorca\/wp-content\/uploads\/Cosme-Bonet-3-600x400.jpg\" class=\"attachment-notio-general-x2 size-notio-general-x2 wp-post-image\" alt=\"\" srcset=\"https:\/\/www.psib-psoe.org\/mallorca\/wp-content\/uploads\/Cosme-Bonet-3-600x400.jpg 600w, https:\/\/www.psib-psoe.org\/mallorca\/wp-content\/uploads\/Cosme-Bonet-3-300x200.jpg 300w, https:\/\/www.psib-psoe.org\/mallorca\/wp-content\/uploads\/Cosme-Bonet-3-768x512.jpg 768w, https:\/\/www.psib-psoe.org\/mallorca\/wp-content\/uploads\/Cosme-Bonet-3-150x100.jpg 150w, https:\/\/www.psib-psoe.org\/mallorca\/wp-content\/uploads\/Cosme-Bonet-3-900x600.jpg 900w, https:\/\/www.psib-psoe.org\/mallorca\/wp-content\/uploads\/Cosme-Bonet-3-20x13.jpg 20w, https:\/\/www.psib-psoe.org\/mallorca\/wp-content\/uploads\/Cosme-Bonet-3.jpg 1000w\" sizes=\"(max-width: 600px) 100vw, 600px\" \/><\/figure>\n\t\t<div class=\"blog-top\">\n\t\t\t<header class=\"post-title entry-header\">\n\t\t\t\t<aside class=\"post-meta cf\">\n\t\t29\/10\/2019 \/ <a href=\"https:\/\/www.psib-psoe.org\/mallorca\/category\/federacio-de-mallorca\/\" rel=\"category tag\">Federaci\u00f3 de Mallorca<\/a>, <a href=\"https:\/\/www.psib-psoe.org\/mallorca\/category\/opinio\/\" rel=\"category tag\">Opini\u00f3<\/a><\/aside>\n\t\t\t\t<h3 itemprop=\"headline\"><a href=\"https:\/\/www.psib-psoe.org\/mallorca\/un-10-de-novembre-carregat-de-raons\/\" title=\"Un 10 de novembre carregat de raons\">Un 10 de novembre carregat de raons<\/a><\/h3>\n\t\t\t<\/header>\n\t\t<\/div>\n\t\t<div class=\"post-content\">\n\t\t\t<a href=\"https:\/\/www.psib-psoe.org\/mallorca\/un-10-de-novembre-carregat-de-raons\/\" class=\"more-link\">Read More<\/a>\n\t\t<\/div>\n\t\t\t<aside class=\"post-bottom-meta hide\">\n\t\t<strong rel=\"author\" itemprop=\"author\" class=\"author vcard\"><span class=\"fn\">adminpsib<\/span><\/strong>\n\t\t<time class=\"date published time\" datetime=\"2019-10-29T18:32:27+02:00\" itemprop=\"datePublished\" content=\"2019-10-29T18:32:27+02:00\">29\/10\/2019<\/time>\n\t\t<meta itemprop=\"dateModified\" class=\"date updated\" content=\"2020-04-20T14:47:47+02:00\">\n\t\t<span class=\"hide\" itemprop=\"publisher\" itemscope itemtype=\"https:\/\/schema.org\/Organization\">\n\t\t\t<meta itemprop=\"name\" content=\"SocialistesdMca\">\n\t\t\t<span itemprop=\"logo\" itemscope itemtype=\"https:\/\/schema.org\/ImageObject\">\n\t\t\t\t<meta itemprop=\"url\" content=\"https:\/\/www.psib-psoe.org\/mallorca\/wp-content\/themes\/notio-wp\/assets\/img\/logo.png\">\n\t\t\t<\/span>\n\t\t\t<meta itemprop=\"url\" content=\"https:\/\/www.psib-psoe.org\/mallorca\/\">\n\t\t<\/span>\n\t\t\t\t<span class=\"hide\" itemprop=\"image\" itemscope itemtype=\"http:\/\/schema.org\/ImageObject\">\n\t\t\t<meta itemprop=\"url\" content=\"https:\/\/www.psib-psoe.org\/mallorca\/wp-content\/uploads\/Cosme-Bonet-3.jpg\">\n\t\t\t<meta itemprop=\"width\" content=\"1000\">\n\t\t\t<meta itemprop=\"height\" content=\"667\">\n\t\t<\/span>\n\t\t\t\t<meta itemscope itemprop=\"mainEntityOfPage\" itemtype=\"https:\/\/schema.org\/WebPage\" itemid=\"https:\/\/www.psib-psoe.org\/mallorca\/un-10-de-novembre-carregat-de-raons\/\">\n\t<\/aside>\n\t\t<\/article>\n<\/div>\n\t<\/div>\n\t[\/vc_column][\/vc_row]\n<\/div>","protected":false},"excerpt":{"rendered":"<p>[vc_row content_placement=&#8221;bottom&#8221;][vc_column][vc_empty_space height=&#8221;100px&#8221;][vc_column_text css=&#8221;.vc_custom_1587387054679{padding-left: 15px !important;}&#8221;] Actualitat: Opini\u00f3 [\/vc_column_text][vc_separator color=&#8221;custom&#8221; align=&#8221;align_left&#8221; border_width=&#8221;3&#8243; el_width=&#8221;10&#8243; accent_color=&#8221;#e30613&#8243; css=&#8221;.vc_custom_1527088004802{padding-top: 10px !important;padding-left: 15px !important;}&#8221;][vc_empty_space height=&#8221;60px&#8221;][vc_wp_custommenu nav_menu=&#8221;67&#8243; el_class=&#8221;filtros&#8221;][\/vc_column][\/vc_row]<\/p>\n","protected":false},"author":3,"featured_media":0,"parent":0,"menu_order":0,"comment_status":"closed","ping_status":"closed","template":"","meta":{"footnotes":""},"class_list":["post-25207","page","type-page","status-publish","hentry"],"_links":{"self":[{"href":"https:\/\/www.psib-psoe.org\/mallorca\/wp-json\/wp\/v2\/pages\/25207"}],"collection":[{"href":"https:\/\/www.psib-psoe.org\/mallorca\/wp-json\/wp\/v2\/pages"}],"about":[{"href":"https:\/\/www.psib-psoe.org\/mallorca\/wp-json\/wp\/v2\/types\/page"}],"author":[{"embeddable":true,"href":"https:\/\/www.psib-psoe.org\/mallorca\/wp-json\/wp\/v2\/users\/3"}],"replies":[{"embeddable":true,"href":"https:\/\/www.psib-psoe.org\/mallorca\/wp-json\/wp\/v2\/comments?post=25207"}],"version-history":[{"count":0,"href":"https:\/\/www.psib-psoe.org\/mallorca\/wp-json\/wp\/v2\/pages\/25207\/revisions"}],"wp:attachment":[{"href":"https:\/\/www.psib-psoe.org\/mallorca\/wp-json\/wp\/v2\/media?parent=25207"}],"curies":[{"name":"wp","href":"https:\/\/api.w.org\/{rel}","templated":true}]}}