{"id":25211,"date":"2020-04-21T13:08:27","date_gmt":"2020-04-21T11:08:27","guid":{"rendered":"http:\/\/www.psib-psoe.org\/mallorca\/?page_id=25211"},"modified":"2021-02-05T14:27:40","modified_gmt":"2021-02-05T12:27:40","slug":"covid19","status":"publish","type":"page","link":"https:\/\/www.psib-psoe.org\/mallorca\/covid19\/","title":{"rendered":"COVID-19"},"content":{"rendered":"<div class=\"wpb-content-wrapper\">[vc_row][vc_column][vc_empty_space height=&#8221;60px&#8221;][rev_slider_vc alias=&#8221;web-covid&#8221;][vc_empty_space height=&#8221;60px&#8221;][\/vc_column][\/vc_row][vc_row css=&#8221;.vc_custom_1526570386670{padding-right: 2% !important;padding-left: 2% !important;}&#8221;][vc_column width=&#8221;1\/2&#8243;][vc_column_text]\n<h3 style=\"color: #e30613;\"><span class=\"bold\">Informaci\u00f3 pr\u00e0ctica i d&#8217;utilitat sobre el COVID-19<\/span><\/h3>\n[\/vc_column_text][vc_separator color=&#8221;custom&#8221; align=&#8221;align_left&#8221; border_width=&#8221;3&#8243; el_width=&#8221;20&#8243; accent_color=&#8221;#e30613&#8243; css=&#8221;.vc_custom_1587453539329{padding-top: 10px !important;}&#8221;][\/vc_column][vc_column width=&#8221;1\/2&#8243;][vc_column_text css=&#8221;.vc_custom_1608636533655{padding-right: 2% !important;padding-left: 2% !important;}&#8221;]En aquesta p\u00e0gina hi trobar\u00e0s informaci\u00f3 pr\u00e0ctica i d\u2019utilitat relacionada amb el COVID-19 a l&#8217;illa de Mallorca, des d&#8217;un resum de les mesures aprovades pel Consell i els ajuntaments per fer front a la crisi sanit\u00e0ria i les seves conseq\u00fc\u00e8ncies, com enlla\u00e7os a les p\u00e0gines oficials on hi trobar\u00e0s tota la informaci\u00f3 actualitzada.[\/vc_column_text][\/vc_column][\/vc_row][vc_row][vc_column][vc_empty_space][vc_separator][\/vc_column][\/vc_row][vc_row disable_element=&#8221;yes&#8221;][vc_column width=&#8221;1\/2&#8243;][vc_empty_space][vc_column_text]\n<h2 style=\"color: #e30613;\">Pla de desconfinament<span class=\"bold\"> per a Mallorca<\/span><\/h2>\n[\/vc_column_text][vc_separator color=&#8221;custom&#8221; align=&#8221;align_left&#8221; border_width=&#8221;3&#8243; el_width=&#8221;20&#8243; accent_color=&#8221;#e30613&#8243;][vc_empty_space][vc_column_text]El Govern d\u2019Espanya ha preparat un\u00a0<strong>Pla per a la Transici\u00f3 cap a una Nova Normalitat<\/strong>, integrat per 4 fases basades en indicadors sanitaris, l\u2019\u00e0mbit d\u2019aplicaci\u00f3 de les quals ser\u00e0, en el cas de Balears, cada una de illes que conformam l\u2019arxip\u00e8lag.<\/p>\n<p><strong>Mallorca<\/strong>, des del <strong>21 de juny<\/strong>, ja es troba en l&#8217;anomenada<strong> NOVA NORMALITAT.<\/strong><\/p>\n<p>Consulta en el BOIB el <a href=\"https:\/\/www.caib.es\/eboibfront\/ca\/2020\/11210\/635597\/acord-del-consell-de-govern-de-19-de-juny-de-2020-\" target=\"_blank\" rel=\"noopener noreferrer\">decret de la presidenta<\/a> sobre qu\u00e8 es pot fer a les Illes Balears en la Nova Normalitat.[\/vc_column_text][vc_empty_space][vc_column_text][\/vc_column_text][\/vc_column][vc_column width=&#8221;1\/2&#8243;][vc_empty_space height=&#8221;50px&#8221;][vc_video link=&#8221;https:\/\/youtu.be\/jdKS9UHWfDk&#8221;][vc_empty_space][vc_btn title=&#8221;Qu\u00e8 puc fer a Mallorca en la Nova Normalitat?&#8221; style=&#8221;outline-custom&#8221; outline_custom_color=&#8221;#ffffff&#8221; outline_custom_hover_background=&#8221;#b7b7b7&#8243; outline_custom_hover_text=&#8221;#ffffff&#8221; shape=&#8221;square&#8221; align=&#8221;center&#8221; button_block=&#8221;true&#8221; link=&#8221;url:http%3A%2F%2Fwww.psib-psoe.org%2Fmallorca%2Fwp-content%2Fuploads%2FCOVID19-Pla-desconfinament-Nova-Normalitat-Balears.pdf||target:%20_blank|&#8221; css=&#8221;.vc_custom_1592831746921{background-color: #e30613 !important;}&#8221;][vc_empty_space height=&#8221;20px&#8221;][\/vc_column][\/vc_row][vc_row thb_full_width=&#8221;true&#8221; thb_row_padding=&#8221;true&#8221; css=&#8221;.vc_custom_1612524995260{padding-top: 20px !important;padding-right: 100px !important;padding-bottom: 20px !important;padding-left: 100px !important;background-color: #efefef !important;}&#8221;][vc_column width=&#8221;1\/2&#8243; css=&#8221;.vc_custom_1612524876751{padding-top: 0px !important;padding-right: 80px !important;}&#8221;][vc_empty_space height=&#8221;50px&#8221;][vc_single_image image=&#8221;25707&#8243; img_size=&#8221;full&#8221; onclick=&#8221;custom_link&#8221; img_link_target=&#8221;_blank&#8221; link=&#8221;https:\/\/ajutsmallorca.com\/&#8221;][vc_empty_space height=&#8221;20px&#8221;][\/vc_column][vc_column width=&#8221;1\/2&#8243; css=&#8221;.vc_custom_1612525310389{padding-right: 0px !important;}&#8221;][vc_empty_space][vc_column_text]\n<h2 style=\"color: #e30613;\">Ajuts<span class=\"bold\"> Consell de Mallorca<\/span><\/h2>\n[\/vc_column_text][vc_separator color=&#8221;custom&#8221; align=&#8221;align_left&#8221; border_width=&#8221;3&#8243; el_width=&#8221;20&#8243; accent_color=&#8221;#e30613&#8243;][vc_empty_space][vc_column_text]El Consell de Mallorca ha posat en marxa ajuts per a les empreses dels sectors afectats per les restriccions: establiments de restauraci\u00f3, majoristes de distribuci\u00f3, sales de ball, centres esportius o escoles de dansa.[\/vc_column_text][vc_empty_space height=&#8221;20px&#8221;][vc_btn title=&#8221;Demana les ajudes aqu\u00ed&#8221; style=&#8221;outline-custom&#8221; outline_custom_color=&#8221;#e30613&#8243; outline_custom_hover_background=&#8221;#e30613&#8243; outline_custom_hover_text=&#8221;#ffffff&#8221; shape=&#8221;square&#8221; link=&#8221;url:https%3A%2F%2Fajutsmallorca.com%2F||target:%20_blank|&#8221;][vc_empty_space][\/vc_column][\/vc_row][vc_row thb_full_width=&#8221;true&#8221; thb_row_padding=&#8221;true&#8221; css=&#8221;.vc_custom_1612524790892{padding-top: 40px !important;padding-right: 100px !important;padding-bottom: 40px !important;padding-left: 100px !important;}&#8221;][vc_column width=&#8221;1\/2&#8243; css=&#8221;.vc_custom_1612526137966{padding-right: 40px !important;}&#8221;][vc_empty_space][vc_column_text]\n<h2 style=\"color: #e30613;\">Mallorca<span class=\"bold\"> Reacciona<\/span><\/h2>\n[\/vc_column_text][vc_separator color=&#8221;custom&#8221; align=&#8221;align_left&#8221; border_width=&#8221;3&#8243; el_width=&#8221;20&#8243; accent_color=&#8221;#e30613&#8243;][vc_empty_space][vc_column_text]El Consell de Mallorca ha elaborat el pla <strong>Mallorca Reacciona<\/strong>\u00a0per impulsar la reactivaci\u00f3 econ\u00f2mica i social de l&#8217;illa.<\/p>\n<p>\u00c9s<strong> fruit del di\u00e0leg<\/strong> amb la societat civil, partits pol\u00edtics i els agents socials i econ\u00f2mics, i inclou mesures per <strong>contenir el virus<\/strong> i per <strong>estimular els sectors productius<\/strong>, amb l&#8217;objectiu de pal\u00b7liar els efectes socials i econ\u00f2mics de la crisi sanit\u00e0ria.[\/vc_column_text][vc_empty_space][vc_btn title=&#8221;Consulta el pla aqu\u00ed&#8221; style=&#8221;outline-custom&#8221; outline_custom_color=&#8221;#ffffff&#8221; outline_custom_hover_background=&#8221;#b7b7b7&#8243; outline_custom_hover_text=&#8221;#ffffff&#8221; shape=&#8221;square&#8221; align=&#8221;center&#8221; i_icon_fontawesome=&#8221;fa fa-file-text-o&#8221; button_block=&#8221;true&#8221; add_icon=&#8221;true&#8221; link=&#8221;url:https%3A%2F%2Fweb.conselldemallorca.cat%2Freacciona||target:%20_blank|&#8221; css=&#8221;.vc_custom_1612525594319{background-color: #e30613 !important;}&#8221;][\/vc_column][vc_column width=&#8221;1\/2&#8243; css=&#8221;.vc_custom_1612526131160{padding-top: 0px !important;padding-left: 40px !important;}&#8221;][vc_empty_space][vc_column_text]\n<h2 style=\"color: #e30613;\">Nivells<span class=\"bold\"> d&#8217;alerta sanit\u00e0ria<\/span><\/h2>\n[\/vc_column_text][vc_separator color=&#8221;custom&#8221; align=&#8221;align_left&#8221; border_width=&#8221;3&#8243; el_width=&#8221;20&#8243; accent_color=&#8221;#e30613&#8243;][vc_empty_space][vc_column_text]El <strong>Govern de les Illes Balears<\/strong> ha posat en marxa un sistema de <strong>Nivells de Protecci\u00f3<\/strong> que fixa les mesures per frenar l&#8217;avan\u00e7 de la pand\u00e8mia en funci\u00f3 de la situaci\u00f3 sanit\u00e0ria i epidemiol\u00f2gia en qu\u00e8 es trobi cada illa.<\/p>\n<p>\u00c9s aquest nivell, que de manera general es revisa cada dues setmanes, que determina les mesures vigents a Mallorca per frenar els contagis.[\/vc_column_text][vc_empty_space][vc_btn title=&#8221;En quin nivell ens trobam a Mallorca?&#8221; style=&#8221;outline-custom&#8221; outline_custom_color=&#8221;#ffffff&#8221; outline_custom_hover_background=&#8221;#b7b7b7&#8243; outline_custom_hover_text=&#8221;#ffffff&#8221; shape=&#8221;square&#8221; align=&#8221;center&#8221; i_icon_fontawesome=&#8221;fa fa-file-text-o&#8221; button_block=&#8221;true&#8221; add_icon=&#8221;true&#8221; link=&#8221;url:https%3A%2F%2Fwww.caib.es%2Fsites%2Fcovid-19%2Fca%2Fnivell_de_proteccia_a_mallorca%2F||target:%20_blank|&#8221; css=&#8221;.vc_custom_1612526075530{background-color: #e30613 !important;}&#8221;][\/vc_column][\/vc_row][vc_row thb_full_width=&#8221;true&#8221; thb_row_padding=&#8221;true&#8221; css=&#8221;.vc_custom_1612525526456{padding-top: 40px !important;padding-right: 100px !important;padding-left: 100px !important;background-color: #efefef !important;}&#8221;][vc_column][vc_empty_space][vc_column_text]\n<h2 style=\"color: #e30613;\">Informaci\u00f3 per a<span class=\"bold\"> ajuntaments i ciutadans<\/span><\/h2>\n[\/vc_column_text][vc_separator color=&#8221;custom&#8221; align=&#8221;align_left&#8221; border_width=&#8221;3&#8243; el_width=&#8221;10&#8243; accent_color=&#8221;#e30613&#8243;][\/vc_column][\/vc_row][vc_row thb_full_width=&#8221;true&#8221; thb_row_padding=&#8221;true&#8221; css=&#8221;.vc_custom_1612525540109{padding-top: 20px !important;padding-right: 100px !important;padding-bottom: 40px !important;padding-left: 100px !important;background-color: #efefef !important;}&#8221;][vc_column width=&#8221;1\/2&#8243; css=&#8221;.vc_custom_1608638477323{padding-right: 80px !important;}&#8221;][vc_column_text]El <strong>Consell de Mallorca<\/strong> ha habilitat una p\u00e0gina <strong>web especial COVID-19<\/strong> amb informaci\u00f3 de servei per als ciutadans i ciutadanes i per els ajuntaments de l&#8217;illa.<\/p>\n<p>Consulta-la fent <a href=\"http:\/\/web.conselldemallorca.cat\/covid-19\" target=\"_blank\" rel=\"noopener noreferrer\">clic<\/a> en el seg\u00fcent bot\u00f3.[\/vc_column_text][vc_empty_space][vc_btn title=&#8221;Accedeix-hi&#8221; style=&#8221;outline-custom&#8221; outline_custom_color=&#8221;#ffffff&#8221; outline_custom_hover_background=&#8221;#b7b7b7&#8243; outline_custom_hover_text=&#8221;#ffffff&#8221; shape=&#8221;square&#8221; size=&#8221;lg&#8221; align=&#8221;center&#8221; i_icon_fontawesome=&#8221;fa fa-globe&#8221; button_block=&#8221;true&#8221; add_icon=&#8221;true&#8221; link=&#8221;url:http%3A%2F%2Fweb.conselldemallorca.cat%2Fcovid-19||target:%20_blank|&#8221; css=&#8221;.vc_custom_1608640170521{background-color: #e30613 !important;}&#8221;][\/vc_column][vc_column width=&#8221;1\/2&#8243;][vc_column_text]Tamb\u00e9 pots accedir a tota la informaci\u00f3 actualitzada a trav\u00e9s dels canals socials del Consell de Mallorca.<\/p>\n<p><img loading=\"lazy\" decoding=\"async\" class=\"alignnone wp-image-24593 size-full\" src=\"http:\/\/www.psib-psoe.org\/mallorca\/wp-content\/uploads\/twitter1.png\" alt=\"\" width=\"20\" height=\"20\" \/> <a href=\"https:\/\/twitter.com\/ConselldeMca\" target=\"_blank\" rel=\"noopener noreferrer\">@ConselldeMca<\/a><\/p>\n<p><img loading=\"lazy\" decoding=\"async\" class=\"alignnone wp-image-24591 size-full\" src=\"http:\/\/www.psib-psoe.org\/mallorca\/wp-content\/uploads\/facebook2.png\" alt=\"\" width=\"14\" height=\"20\" \/> <a href=\"https:\/\/www.facebook.com\/ConselldeMca\/\" target=\"_blank\" rel=\"noopener noreferrer\">ConselldeMca<\/a><\/p>\n<p><img loading=\"lazy\" decoding=\"async\" class=\"alignnone wp-image-24595 size-full\" src=\"http:\/\/www.psib-psoe.org\/mallorca\/wp-content\/uploads\/instagram2.png\" alt=\"\" width=\"21\" height=\"20\" srcset=\"https:\/\/www.psib-psoe.org\/mallorca\/wp-content\/uploads\/instagram2.png 21w, https:\/\/www.psib-psoe.org\/mallorca\/wp-content\/uploads\/instagram2-20x20.png 20w\" sizes=\"(max-width: 21px) 100vw, 21px\" \/>\u00a0 <a href=\"https:\/\/www.instagram.com\/conselldemca\/\" target=\"_blank\" rel=\"noopener noreferrer\">@ConselldeMca<\/a>[\/vc_column_text][vc_empty_space][vc_separator][vc_empty_space height=&#8221;15px&#8221;][vc_column_text]I si vols informaci\u00f3 relativa a l&#8217;\u00e0mbit auton\u00f2mic, informa-te&#8217;n a la <strong>p\u00e0gina especial COVID-19 de la web del PSIB-PSOE<\/strong>.[\/vc_column_text][vc_empty_space][vc_btn title=&#8221;psib-psoe.org\/covid19&#8243; style=&#8221;outline-custom&#8221; outline_custom_color=&#8221;#e30613&#8243; outline_custom_hover_background=&#8221;#e30613&#8243; outline_custom_hover_text=&#8221;#ffffff&#8221; shape=&#8221;square&#8221; align=&#8221;center&#8221; button_block=&#8221;true&#8221; link=&#8221;url:https%3A%2F%2Fwww.psib-psoe.org%2Fcovid19%2F||target:%20_blank|&#8221; css=&#8221;.vc_custom_1608637165267{background-color: #ffffff !important;}&#8221;][\/vc_column][\/vc_row][vc_row disable_element=&#8221;yes&#8221;][vc_column][vc_separator][vc_column_text]\n<h4 style=\"color: #e30613;\">Vols m\u00e9s informaci\u00f3?<\/h4>\n[\/vc_column_text][vc_empty_space][\/vc_column][\/vc_row][vc_row disable_element=&#8221;yes&#8221;][vc_column width=&#8221;1\/2&#8243;][vc_column_text]\n<h2 style=\"color: #e30613;\">Coneix les principals<span class=\"bold\"> mesures aprovades<\/span><\/h2>\n[\/vc_column_text][vc_separator color=&#8221;custom&#8221; align=&#8221;align_left&#8221; border_width=&#8221;3&#8243; el_width=&#8221;20&#8243; accent_color=&#8221;#e30613&#8243;][vc_empty_space][vc_column_text]Hem compilat en un <strong>document \u00fanic<\/strong> les principals mesures econ\u00f2miques i socials preses pel <strong>Govern d&#8217;Espanya, el Govern de les Illes Balears i el Consell de Mallorca<\/strong> per combatre les conseq\u00fc\u00e8ncies de la pand\u00e8mia del COVID-19.<\/p>\n<p><strong>Consulta&#8217;l i descarrega&#8217;l<\/strong> en els seg\u00fcents enlla\u00e7os:[\/vc_column_text][vc_empty_space][vc_btn title=&#8221;Resum mesures destacades (catal\u00e0)&#8221; style=&#8221;outline-custom&#8221; outline_custom_color=&#8221;#e30613&#8243; outline_custom_hover_background=&#8221;#e30613&#8243; outline_custom_hover_text=&#8221;#ffffff&#8221; shape=&#8221;square&#8221; align=&#8221;center&#8221; button_block=&#8221;true&#8221; link=&#8221;url:http%3A%2F%2Fwww.psib-psoe.org%2Fmallorca%2Fwp-content%2Fuploads%2FMesures-COVID19-cat.pdf||target:%20_blank|&#8221; css=&#8221;.vc_custom_1587483594775{background-color: #ffffff !important;}&#8221;][vc_btn title=&#8221;Resumen medidas destacadas (castellano)&#8221; style=&#8221;outline-custom&#8221; outline_custom_color=&#8221;#e30613&#8243; outline_custom_hover_background=&#8221;#e30613&#8243; outline_custom_hover_text=&#8221;#ffffff&#8221; shape=&#8221;square&#8221; align=&#8221;center&#8221; button_block=&#8221;true&#8221; link=&#8221;url:http%3A%2F%2Fwww.psib-psoe.org%2Fmallorca%2Fwp-content%2Fuploads%2FMesures-COVID19-esp.pdf||target:%20_blank|&#8221; css=&#8221;.vc_custom_1587483610358{background-color: #ffffff !important;}&#8221;][\/vc_column][vc_column width=&#8221;1\/2&#8243;][\/vc_column][\/vc_row][vc_row disable_element=&#8221;yes&#8221;][vc_column][vc_separator][vc_empty_space][vc_gallery interval=&#8221;3&#8243; images=&#8221;25077,25061,25059,25057,25051,25049,25047,25045,25043,25041,25039,25037,25122,25091&#8243; img_size=&#8221;full&#8221; title=&#8221;Mesures COVID-19 destacades&#8221;][\/vc_column][\/vc_row][vc_row disable_element=&#8221;yes&#8221; css=&#8221;.vc_custom_1608646671142{padding-top: 50px !important;padding-right: 2% !important;padding-left: 2% !important;}&#8221;][vc_column width=&#8221;1\/3&#8243;][vc_column_text css=&#8221;.vc_custom_1587394151369{padding-bottom: 20px !important;}&#8221;]\n<p style=\"color: #e30613; text-align: left;\"><strong>Per als treballadors<\/strong><\/p>\n[\/vc_column_text]<a href=\"https:\/\/youtu.be\/ekIhA3EKVyA\" class=\"cq-videocover-lightbox\" data-lightbox-gallery=\"\" data-videowidth=\"\" title=\"\"><div class=\"cq-videocover \" data-iconsize=\"\" data-iconbgsize=\"\" data-iconcolor=\"#ffffff\" data-iconbgcolor=\"#e30613\" data-tooltip=\"\" data-iconposition=\"center\"><img decoding=\"async\" src=\"https:\/\/www.psib-psoe.org\/mallorca\/wp-content\/uploads\/cover-tw-fb-treballadors.png\" alt=\"\" class=\"cq-videocover-img square\"  \/><div class=\"cq-videocover-iconcontainer circle icon-center\"><i class=\"cq-videocover-icon fa fa-play-circle-o\"><\/i><\/div><\/div><\/a>[\/vc_column][vc_column width=&#8221;1\/3&#8243;][vc_column_text css=&#8221;.vc_custom_1587394158634{padding-bottom: 20px !important;}&#8221;]\n<p style=\"color: #e30613; text-align: left;\"><strong>Per a les empreses<\/strong><\/p>\n[\/vc_column_text]<a href=\"https:\/\/youtu.be\/fSUb12YM9Lg\" class=\"cq-videocover-lightbox\" data-lightbox-gallery=\"\" data-videowidth=\"\" title=\"\"><div class=\"cq-videocover \" data-iconsize=\"\" data-iconbgsize=\"\" data-iconcolor=\"#ffffff\" data-iconbgcolor=\"#e30613\" data-tooltip=\"\" data-iconposition=\"center\"><img decoding=\"async\" src=\"https:\/\/www.psib-psoe.org\/mallorca\/wp-content\/uploads\/cover-tw-fb-empreses.png\" alt=\"\" class=\"cq-videocover-img square\"  \/><div class=\"cq-videocover-iconcontainer circle icon-center\"><i class=\"cq-videocover-icon fa fa-play-circle-o\"><\/i><\/div><\/div><\/a>[\/vc_column][vc_column width=&#8221;1\/3&#8243;][vc_column_text css=&#8221;.vc_custom_1587394166189{padding-bottom: 20px !important;}&#8221;]\n<p style=\"color: #e30613; text-align: left;\"><strong>Per als aut\u00f2noms<\/strong><\/p>\n[\/vc_column_text]<a href=\"https:\/\/youtu.be\/t7yQcjd3cv0\" class=\"cq-videocover-lightbox\" data-lightbox-gallery=\"\" data-videowidth=\"\" title=\"\"><div class=\"cq-videocover \" data-iconsize=\"\" data-iconbgsize=\"\" data-iconcolor=\"#ffffff\" data-iconbgcolor=\"#e30613\" data-tooltip=\"\" data-iconposition=\"center\"><img decoding=\"async\" src=\"https:\/\/www.psib-psoe.org\/mallorca\/wp-content\/uploads\/cover-tw-fb-autonoms.png\" alt=\"\" class=\"cq-videocover-img square\"  \/><div class=\"cq-videocover-iconcontainer circle icon-center\"><i class=\"cq-videocover-icon fa fa-play-circle-o\"><\/i><\/div><\/div><\/a>[\/vc_column][\/vc_row][vc_row disable_element=&#8221;yes&#8221; css=&#8221;.vc_custom_1608646677572{padding-top: 50px !important;padding-right: 2% !important;padding-bottom: 100px !important;padding-left: 2% !important;}&#8221;][vc_column width=&#8221;1\/3&#8243;][vc_column_text css=&#8221;.vc_custom_1587394182598{padding-bottom: 20px !important;}&#8221;]\n<p style=\"color: #e30613; text-align: left;\"><strong>Per garantir l&#8217;acc\u00e9s a l&#8217;habitatge<\/strong><\/p>\n[\/vc_column_text]<a href=\"https:\/\/youtu.be\/jzVkmrZk4ZY\" class=\"cq-videocover-lightbox\" data-lightbox-gallery=\"\" data-videowidth=\"\" title=\"\"><div class=\"cq-videocover \" data-iconsize=\"\" data-iconbgsize=\"\" data-iconcolor=\"#ffffff\" data-iconbgcolor=\"#e30613\" data-tooltip=\"\" data-iconposition=\"center\"><img decoding=\"async\" src=\"https:\/\/www.psib-psoe.org\/mallorca\/wp-content\/uploads\/cover-tw-fb-habitatge.png\" alt=\"\" class=\"cq-videocover-img square\"  \/><div class=\"cq-videocover-iconcontainer circle icon-center\"><i class=\"cq-videocover-icon fa fa-play-circle-o\"><\/i><\/div><\/div><\/a>[\/vc_column][vc_column width=&#8221;1\/3&#8243;][vc_column_text css=&#8221;.vc_custom_1587394200498{padding-bottom: 20px !important;}&#8221;]\n<p style=\"color: #e30613; text-align: left;\"><strong>Per combatre la viol\u00e8ncia masclista <\/strong><\/p>\n[\/vc_column_text]<a href=\"https:\/\/youtu.be\/hvLS5Jgv40Y\" class=\"cq-videocover-lightbox\" data-lightbox-gallery=\"\" data-videowidth=\"\" title=\"\"><div class=\"cq-videocover \" data-iconsize=\"\" data-iconbgsize=\"\" data-iconcolor=\"#ffffff\" data-iconbgcolor=\"#e30613\" data-tooltip=\"\" data-iconposition=\"center\"><img decoding=\"async\" src=\"https:\/\/www.psib-psoe.org\/mallorca\/wp-content\/uploads\/cover-tw-fb-VG.png\" alt=\"\" class=\"cq-videocover-img square\"  \/><div class=\"cq-videocover-iconcontainer circle icon-center\"><i class=\"cq-videocover-icon fa fa-play-circle-o\"><\/i><\/div><\/div><\/a>[\/vc_column][vc_column width=&#8221;1\/3&#8243;][vc_column_text css=&#8221;.vc_custom_1587394214633{padding-bottom: 20px !important;}&#8221;]\n<p style=\"color: #e30613; text-align: left;\"><strong>Per no deixar ning\u00fa enrere <\/strong><\/p>\n[\/vc_column_text]<a href=\"https:\/\/youtu.be\/YDG-Cs5FurA\" class=\"cq-videocover-lightbox\" data-lightbox-gallery=\"\" data-videowidth=\"\" title=\"\"><div class=\"cq-videocover \" data-iconsize=\"\" data-iconbgsize=\"\" data-iconcolor=\"#ffffff\" data-iconbgcolor=\"#e30613\" data-tooltip=\"\" data-iconposition=\"center\"><img decoding=\"async\" src=\"https:\/\/www.psib-psoe.org\/mallorca\/wp-content\/uploads\/cover-tw-fb-vulnerables.png\" alt=\"\" class=\"cq-videocover-img square\"  \/><div class=\"cq-videocover-iconcontainer circle icon-center\"><i class=\"cq-videocover-icon fa fa-play-circle-o\"><\/i><\/div><\/div><\/a>[\/vc_column][\/vc_row][vc_row][vc_column][vc_empty_space][\/vc_column][\/vc_row]\n<\/div>","protected":false},"excerpt":{"rendered":"<p>[vc_row][vc_column][vc_empty_space height=&#8221;60px&#8221;][rev_slider_vc alias=&#8221;web-covid&#8221;][vc_empty_space height=&#8221;60px&#8221;][\/vc_column][\/vc_row][vc_row css=&#8221;.vc_custom_1526570386670{padding-right: 2% !important;padding-left: 2% !important;}&#8221;][vc_column width=&#8221;1\/2&#8243;][vc_column_text] Informaci\u00f3 pr\u00e0ctica i d&#8217;utilitat sobre el COVID-19 [\/vc_column_text][vc_separator color=&#8221;custom&#8221; align=&#8221;align_left&#8221; border_width=&#8221;3&#8243; el_width=&#8221;20&#8243; accent_color=&#8221;#e30613&#8243; css=&#8221;.vc_custom_1587453539329{padding-top: 10px !important;}&#8221;][\/vc_column][vc_column width=&#8221;1\/2&#8243;][vc_column_text css=&#8221;.vc_custom_1608636533655{padding-right: 2% !important;padding-left: 2% !important;}&#8221;]En aquesta p\u00e0gina hi trobar\u00e0s informaci\u00f3 pr\u00e0ctica i d\u2019utilitat relacionada amb el COVID-19 a l&#8217;illa de Mallorca, des d&#8217;un resum de les mesures aprovades&hellip;<\/p>\n","protected":false},"author":3,"featured_media":0,"parent":0,"menu_order":0,"comment_status":"closed","ping_status":"closed","template":"","meta":{"footnotes":""},"class_list":["post-25211","page","type-page","status-publish","hentry"],"_links":{"self":[{"href":"https:\/\/www.psib-psoe.org\/mallorca\/wp-json\/wp\/v2\/pages\/25211"}],"collection":[{"href":"https:\/\/www.psib-psoe.org\/mallorca\/wp-json\/wp\/v2\/pages"}],"about":[{"href":"https:\/\/www.psib-psoe.org\/mallorca\/wp-json\/wp\/v2\/types\/page"}],"author":[{"embeddable":true,"href":"https:\/\/www.psib-psoe.org\/mallorca\/wp-json\/wp\/v2\/users\/3"}],"replies":[{"embeddable":true,"href":"https:\/\/www.psib-psoe.org\/mallorca\/wp-json\/wp\/v2\/comments?post=25211"}],"version-history":[{"count":0,"href":"https:\/\/www.psib-psoe.org\/mallorca\/wp-json\/wp\/v2\/pages\/25211\/revisions"}],"wp:attachment":[{"href":"https:\/\/www.psib-psoe.org\/mallorca\/wp-json\/wp\/v2\/media?parent=25211"}],"curies":[{"name":"wp","href":"https:\/\/api.w.org\/{rel}","templated":true}]}}