{"id":21,"date":"2015-02-02T10:57:50","date_gmt":"2015-02-02T10:57:50","guid":{"rendered":"http:\/\/www.spab-rice.com\/wordpress\/demo\/pond-demo\/?page_id=21"},"modified":"2025-07-22T11:17:29","modified_gmt":"2025-07-22T09:17:29","slug":"inici","status":"publish","type":"page","link":"https:\/\/www.psib-psoe.org\/menorca\/","title":{"rendered":"Inici"},"content":{"rendered":"<div class=\"wpb-content-wrapper\">[vc_row thb_full_width=&#8221;true&#8221; css=&#8221;.vc_custom_1546861511451{background-color: #e30613 !important;}&#8221;][vc_column][\/vc_column][\/vc_row][vc_row thb_full_width=&#8221;true&#8221;][vc_column]\n\t\t\t<!-- START home1 REVOLUTION SLIDER 6.7.20 --><p class=\"rs-p-wp-fix\"><\/p>\n\t\t\t<rs-module-wrap id=\"rev_slider_1_1_wrapper\" data-source=\"gallery\" style=\"visibility:hidden;background:transparent;padding:0;margin:0px auto;margin-top:0;margin-bottom:0;\">\n\t\t\t\t<rs-module id=\"rev_slider_1_1\" style=\"\" data-version=\"6.7.20\">\n\t\t\t\t\t<rs-slides style=\"overflow: hidden; position: absolute;\">\n\t\t\t\t\t\t<rs-slide style=\"position: absolute;\" data-key=\"rs-37\" data-title=\"Slide\" data-link=\"\/\/www.psib-psoe.org\/menorca\/programes_electorals_2023\/\" data-tag=\"l\" data-target=\"_self\" data-seoz=\"front\" data-anim=\"adpr:false;\">\n\t\t\t\t\t\t\t<img decoding=\"async\" src=\"\/\/www.psib-psoe.org\/menorca\/wp-content\/plugins\/revslider\/sr6\/assets\/assets\/dummy.png\" alt=\"\" title=\"Inici\" class=\"rev-slidebg tp-rs-img rs-lazyload\" data-lazyload=\"\/\/www.psib-psoe.org\/menorca\/wp-content\/uploads\/Programes-electorals-2023.png\" data-no-retina>\n<!---->\t\t\t\t\t<\/rs-slide>\n\t\t\t\t\t<\/rs-slides>\n\t\t\t\t<\/rs-module>\n\t\t\t\t<script>\n\t\t\t\t\tsetREVStartSize({c: 'rev_slider_1_1',rl:[1240,1024,778,480],el:[],gw:[1240,1024,778,480],gh:[868,528,402,520],type:'standard',justify:'',layout:'fullwidth',mh:\"0\"});if (window.RS_MODULES!==undefined && window.RS_MODULES.modules!==undefined && window.RS_MODULES.modules[\"revslider11\"]!==undefined) {window.RS_MODULES.modules[\"revslider11\"].once = false;window.revapi1 = undefined;if (window.RS_MODULES.checkMinimal!==undefined) window.RS_MODULES.checkMinimal()}\n\t\t\t\t<\/script>\n\t\t\t<\/rs-module-wrap>\n\t\t\t<!-- END REVOLUTION SLIDER -->\n[\/vc_column][vc_column][vc_separator][vc_empty_space][vc_empty_space][\/vc_column][\/vc_row][vc_row thb_full_width=&#8221;true&#8221; css=&#8221;.vc_custom_1546862352897{padding-top: 30px !important;padding-bottom: 30px !important;}&#8221;][vc_column width=&#8221;1\/3&#8243;][vc_btn title=&#8221;Qui som&#8221; style=&#8221;outline-custom&#8221; outline_custom_color=&#8221;#e30613&#8243; outline_custom_hover_background=&#8221;#e30613&#8243; outline_custom_hover_text=&#8221;#ffffff&#8221; shape=&#8221;square&#8221; align=&#8221;left&#8221; i_icon_fontawesome=&#8221;fa fa-plus&#8221; button_block=&#8221;true&#8221; add_icon=&#8221;true&#8221; el_class=&#8221;bot_interior_fed&#8221; link=&#8221;url:%23estructura|||&#8221; el_id=&#8221;bot_interior_fed&#8221;][vc_btn title=&#8221;Altres v\u00eddeos&#8221; style=&#8221;outline-custom&#8221; outline_custom_color=&#8221;#e30613&#8243; outline_custom_hover_background=&#8221;#e30613&#8243; outline_custom_hover_text=&#8221;#ffffff&#8221; shape=&#8221;square&#8221; align=&#8221;left&#8221; i_icon_fontawesome=&#8221;fa fa-plus&#8221; button_block=&#8221;true&#8221; add_icon=&#8221;true&#8221; el_class=&#8221;bot_interior_fed&#8221; link=&#8221;url:https%3A%2F%2Fwww.youtube.com%2Fchannel%2FUCi0Eh10KZaq6OHRFcbrWdHQ|title:PSOE%20Menorca%20TV|target:%20_blank|&#8221;][\/vc_column][vc_column width=&#8221;1\/3&#8243;][vc_btn title=&#8221;Actualitat&#8221; style=&#8221;outline-custom&#8221; outline_custom_color=&#8221;#e30613&#8243; outline_custom_hover_background=&#8221;#e30613&#8243; outline_custom_hover_text=&#8221;#ffffff&#8221; shape=&#8221;square&#8221; align=&#8221;left&#8221; i_icon_fontawesome=&#8221;fa fa-plus&#8221; button_block=&#8221;true&#8221; add_icon=&#8221;true&#8221; el_class=&#8221;bot_interior_fed&#8221; link=&#8221;url:http%3A%2F%2Fwww.psib-psoe.org%2Fmenorca%2Factualitat%2F|||&#8221; el_id=&#8221;bot_interior_fed&#8221;][vc_btn title=&#8221;Transpar\u00e8ncia&#8221; style=&#8221;outline-custom&#8221; outline_custom_color=&#8221;#e30613&#8243; outline_custom_hover_background=&#8221;#e30613&#8243; outline_custom_hover_text=&#8221;#ffffff&#8221; shape=&#8221;square&#8221; align=&#8221;left&#8221; i_icon_fontawesome=&#8221;fa fa-plus&#8221; button_block=&#8221;true&#8221; add_icon=&#8221;true&#8221; link=&#8221;url:http%3A%2F%2Fwww.psib-psoe.org%2Fportal-de-transparencia%2F||target:%20_blank|&#8221; el_class=&#8221;bot_interior_fed&#8221;][\/vc_column][vc_column width=&#8221;1\/3&#8243;][vc_btn title=&#8221;Documentaci\u00f3&#8221; style=&#8221;outline-custom&#8221; outline_custom_color=&#8221;#e30613&#8243; outline_custom_hover_background=&#8221;#e30613&#8243; outline_custom_hover_text=&#8221;#ffffff&#8221; shape=&#8221;square&#8221; align=&#8221;left&#8221; i_icon_fontawesome=&#8221;fa fa-plus&#8221; button_block=&#8221;true&#8221; add_icon=&#8221;true&#8221; el_class=&#8221;bot_interior_fed&#8221; link=&#8221;url:http%3A%2F%2Fwww.psib-psoe.org%2Fdocuments-d-interes%2F|title:Documents|target:%20_blank|&#8221;][vc_btn title=&#8221;Centenari&#8221; style=&#8221;outline-custom&#8221; outline_custom_color=&#8221;#e30613&#8243; outline_custom_hover_background=&#8221;#e30613&#8243; outline_custom_hover_text=&#8221;#ffffff&#8221; shape=&#8221;square&#8221; align=&#8221;left&#8221; i_icon_fontawesome=&#8221;fa fa-plus&#8221; button_block=&#8221;true&#8221; add_icon=&#8221;true&#8221; el_class=&#8221;bot_interior_fed&#8221; link=&#8221;url:http%3A%2F%2Fwww.psib-psoe.org%2Fmenorca%2Fcentenari%2F|title:Centenari|target:%20_blank|&#8221;][\/vc_column][\/vc_row][vc_row css=&#8221;.vc_custom_1546869663460{padding-top: 100px !important;}&#8221;][vc_column width=&#8221;1\/2&#8243;][vc_column_text]\n<h2 class=\"bold\" style=\"color: #e30613;\">Benvinguts\/des<\/h2>\n[\/vc_column_text][vc_separator color=&#8221;custom&#8221; align=&#8221;align_left&#8221; border_width=&#8221;3&#8243; el_width=&#8221;20&#8243; css=&#8221;.vc_custom_1527088328168{padding-top: 10px !important;}&#8221; accent_color=&#8221;#e30613&#8243;][vc_empty_space height=&#8221;60px&#8221;][vc_column_text css=&#8221;&#8221;]El PSOE Menorca ha estat, \u00e9s i ser\u00e0 l\u2019eina m\u00e9s efica\u00e7 dels menorquins i les menorquines per construir una societat amb just\u00edcia social, protegint la nostra illa i desenvolupant-nos de forma sostenible.<\/p>\n<p>Mai ho hem fet tot sols. Et necessitam.<\/p>\n<p><strong>Pren partit per Menorca, pren partit pel PSOE Menorca.<\/strong>[\/vc_column_text][\/vc_column][vc_column width=&#8221;1\/2&#8243;][vc_single_image image=&#8221;26982&#8243; img_size=&#8221;full&#8221; css=&#8221;&#8221;][\/vc_column][\/vc_row][vc_row content_placement=&#8221;top&#8221; parallax=&#8221;content-moving&#8221; parallax_speed_bg=&#8221;1.1&#8243; css=&#8221;.vc_custom_1558081788113{padding-top: 30px !important;padding-bottom: 100px !important;background-color: #ffffff !important;background-position: center;background-repeat: no-repeat;background-size: contain !important;}&#8221; el_class=&#8221;noticias&#8221;][vc_column parallax=&#8221;content-moving&#8221;][vc_column_text css=&#8221;.vc_custom_1587464259325{padding-top: 10% !important;}&#8221;]\n<h2 class=\"bold\" style=\"color: #e30613;\">Actualitat<\/h2>\n[\/vc_column_text][vc_separator color=&#8221;custom&#8221; align=&#8221;align_left&#8221; border_width=&#8221;3&#8243; el_width=&#8221;10&#8243; css=&#8221;.vc_custom_1526645600233{padding-top: 10px !important;}&#8221; accent_color=&#8221;#e30613&#8243;][vc_empty_space height=&#8221;50px&#8221;]\t<div class=\"posts-shortcode align-stretch blog-listing-style8 row \">\n\t\t<div class=\"small-12 large-4 columns\">\n\t<article itemscope itemtype=\"http:\/\/schema.org\/Article\" class=\"post blog-style7 alt post-27410 type-post status-publish format-standard hentry category-federacio-de-menorca category-federacio-de-menorca-portada category-portada\" role=\"article\">\n\t\t<figure class=\"post-gallery\"><\/figure>\n\t\t<div class=\"blog-top\">\n\t\t\t<header class=\"post-title entry-header\">\n\t\t\t\t<aside class=\"post-meta cf\">\n\t\t29\/04\/2026 \/ <a href=\"https:\/\/www.psib-psoe.org\/menorca\/category\/federacio-de-menorca\/\" rel=\"category tag\">Federaci\u00f3 de Menorca<\/a>, <a href=\"https:\/\/www.psib-psoe.org\/menorca\/category\/federacio-de-menorca-portada\/\" rel=\"category tag\">Federaci\u00f3 de Menorca - Portada<\/a>, <a href=\"https:\/\/www.psib-psoe.org\/menorca\/category\/portada\/\" rel=\"category tag\">Portada<\/a><\/aside>\n\t\t\t\t<h3 itemprop=\"headline\"><a href=\"https:\/\/www.psib-psoe.org\/menorca\/el-psoe-menorca-denuncia-el-bloqueig-de-la-dreta-a-la-prorroga-dels-lloguers\/\" title=\"El PSOE Menorca denuncia el bloqueig de la dreta a la pr\u00f2rroga dels lloguers\">El PSOE Menorca denuncia el bloqueig de la dreta a la pr\u00f2rroga dels lloguers<\/a><\/h3>\n\t\t\t<\/header>\n\t\t<\/div>\n\t\t<div class=\"post-content\">\n\t\t\t<a href=\"https:\/\/www.psib-psoe.org\/menorca\/el-psoe-menorca-denuncia-el-bloqueig-de-la-dreta-a-la-prorroga-dels-lloguers\/\" class=\"more-link\">Read More<\/a>\n\t\t<\/div>\n\t\t\t<aside class=\"post-bottom-meta hide\">\n\t\t<strong rel=\"author\" itemprop=\"author\" class=\"author vcard\"><span class=\"fn\">PSOE Menorca<\/span><\/strong>\n\t\t<time class=\"date published time\" datetime=\"2026-04-29T18:43:04+02:00\" itemprop=\"datePublished\" content=\"2026-04-29T18:43:04+02:00\">1 dia ago<\/time>\n\t\t<meta itemprop=\"dateModified\" class=\"date updated\" content=\"2026-04-29T18:43:06+02:00\">\n\t\t<span class=\"hide\" itemprop=\"publisher\" itemscope itemtype=\"https:\/\/schema.org\/Organization\">\n\t\t\t<meta itemprop=\"name\" content=\"Federaci\u00f3 Socialista de Menorca\">\n\t\t\t<span itemprop=\"logo\" itemscope itemtype=\"https:\/\/schema.org\/ImageObject\">\n\t\t\t\t<meta itemprop=\"url\" content=\"https:\/\/www.psib-psoe.org\/menorca\/wp-content\/themes\/notio-wp\/assets\/img\/logo.png\">\n\t\t\t<\/span>\n\t\t\t<meta itemprop=\"url\" content=\"https:\/\/www.psib-psoe.org\/menorca\/\">\n\t\t<\/span>\n\t\t\t\t<meta itemscope itemprop=\"mainEntityOfPage\" itemtype=\"https:\/\/schema.org\/WebPage\" itemid=\"https:\/\/www.psib-psoe.org\/menorca\/el-psoe-menorca-denuncia-el-bloqueig-de-la-dreta-a-la-prorroga-dels-lloguers\/\">\n\t<\/aside>\n\t\t<\/article>\n<\/div>\n<div class=\"small-12 large-4 columns\">\n\t<article itemscope itemtype=\"http:\/\/schema.org\/Article\" class=\"post blog-style7 alt post-27408 type-post status-publish format-standard hentry category-federacio-de-menorca category-federacio-de-menorca-portada category-portada\" role=\"article\">\n\t\t<figure class=\"post-gallery\"><\/figure>\n\t\t<div class=\"blog-top\">\n\t\t\t<header class=\"post-title entry-header\">\n\t\t\t\t<aside class=\"post-meta cf\">\n\t\t29\/04\/2026 \/ <a href=\"https:\/\/www.psib-psoe.org\/menorca\/category\/federacio-de-menorca\/\" rel=\"category tag\">Federaci\u00f3 de Menorca<\/a>, <a href=\"https:\/\/www.psib-psoe.org\/menorca\/category\/federacio-de-menorca-portada\/\" rel=\"category tag\">Federaci\u00f3 de Menorca - Portada<\/a>, <a href=\"https:\/\/www.psib-psoe.org\/menorca\/category\/portada\/\" rel=\"category tag\">Portada<\/a><\/aside>\n\t\t\t\t<h3 itemprop=\"headline\"><a href=\"https:\/\/www.psib-psoe.org\/menorca\/el-psoe-menorca-i-ugt-homenatgen-jose-reyes-pel-seu-compromis-amb-els-drets-dels-treballadors\/\" title=\"El PSOE Menorca i UGT homenatgen Jos\u00e9 Reyes pel seu comprom\u00eds amb els drets dels treballadors\">El PSOE Menorca i UGT homenatgen Jos\u00e9 Reyes pel seu comprom\u00eds amb els drets dels treballadors<\/a><\/h3>\n\t\t\t<\/header>\n\t\t<\/div>\n\t\t<div class=\"post-content\">\n\t\t\t<a href=\"https:\/\/www.psib-psoe.org\/menorca\/el-psoe-menorca-i-ugt-homenatgen-jose-reyes-pel-seu-compromis-amb-els-drets-dels-treballadors\/\" class=\"more-link\">Read More<\/a>\n\t\t<\/div>\n\t\t\t<aside class=\"post-bottom-meta hide\">\n\t\t<strong rel=\"author\" itemprop=\"author\" class=\"author vcard\"><span class=\"fn\">PSOE Menorca<\/span><\/strong>\n\t\t<time class=\"date published time\" datetime=\"2026-04-29T18:42:00+02:00\" itemprop=\"datePublished\" content=\"2026-04-29T18:42:00+02:00\">1 dia ago<\/time>\n\t\t<meta itemprop=\"dateModified\" class=\"date updated\" content=\"2026-04-29T18:42:03+02:00\">\n\t\t<span class=\"hide\" itemprop=\"publisher\" itemscope itemtype=\"https:\/\/schema.org\/Organization\">\n\t\t\t<meta itemprop=\"name\" content=\"Federaci\u00f3 Socialista de Menorca\">\n\t\t\t<span itemprop=\"logo\" itemscope itemtype=\"https:\/\/schema.org\/ImageObject\">\n\t\t\t\t<meta itemprop=\"url\" content=\"https:\/\/www.psib-psoe.org\/menorca\/wp-content\/themes\/notio-wp\/assets\/img\/logo.png\">\n\t\t\t<\/span>\n\t\t\t<meta itemprop=\"url\" content=\"https:\/\/www.psib-psoe.org\/menorca\/\">\n\t\t<\/span>\n\t\t\t\t<meta itemscope itemprop=\"mainEntityOfPage\" itemtype=\"https:\/\/schema.org\/WebPage\" itemid=\"https:\/\/www.psib-psoe.org\/menorca\/el-psoe-menorca-i-ugt-homenatgen-jose-reyes-pel-seu-compromis-amb-els-drets-dels-treballadors\/\">\n\t<\/aside>\n\t\t<\/article>\n<\/div>\n<div class=\"small-12 large-4 columns\">\n\t<article itemscope itemtype=\"http:\/\/schema.org\/Article\" class=\"post blog-style7 alt post-27405 type-post status-publish format-standard has-post-thumbnail hentry category-federacio-de-menorca category-federacio-de-menorca-portada category-portada\" role=\"article\">\n\t\t<figure class=\"post-gallery\"><img loading=\"lazy\" decoding=\"async\" width=\"600\" height=\"400\" src=\"https:\/\/www.psib-psoe.org\/menorca\/wp-content\/uploads\/Pepe-Mercadal-Congres-2-600x400.jpg\" class=\"attachment-notio-general-x2 size-notio-general-x2 wp-post-image\" alt=\"\" srcset=\"https:\/\/www.psib-psoe.org\/menorca\/wp-content\/uploads\/Pepe-Mercadal-Congres-2-600x400.jpg 600w, https:\/\/www.psib-psoe.org\/menorca\/wp-content\/uploads\/Pepe-Mercadal-Congres-2-300x200.jpg 300w, https:\/\/www.psib-psoe.org\/menorca\/wp-content\/uploads\/Pepe-Mercadal-Congres-2-1024x683.jpg 1024w, https:\/\/www.psib-psoe.org\/menorca\/wp-content\/uploads\/Pepe-Mercadal-Congres-2-768x512.jpg 768w, https:\/\/www.psib-psoe.org\/menorca\/wp-content\/uploads\/Pepe-Mercadal-Congres-2-1536x1025.jpg 1536w, https:\/\/www.psib-psoe.org\/menorca\/wp-content\/uploads\/Pepe-Mercadal-Congres-2-2048x1366.jpg 2048w, https:\/\/www.psib-psoe.org\/menorca\/wp-content\/uploads\/Pepe-Mercadal-Congres-2-150x100.jpg 150w, https:\/\/www.psib-psoe.org\/menorca\/wp-content\/uploads\/Pepe-Mercadal-Congres-2-900x600.jpg 900w, https:\/\/www.psib-psoe.org\/menorca\/wp-content\/uploads\/Pepe-Mercadal-Congres-2-20x13.jpg 20w\" sizes=\"(max-width: 600px) 100vw, 600px\" \/><\/figure>\n\t\t<div class=\"blog-top\">\n\t\t\t<header class=\"post-title entry-header\">\n\t\t\t\t<aside class=\"post-meta cf\">\n\t\t27\/04\/2026 \/ <a href=\"https:\/\/www.psib-psoe.org\/menorca\/category\/federacio-de-menorca\/\" rel=\"category tag\">Federaci\u00f3 de Menorca<\/a>, <a href=\"https:\/\/www.psib-psoe.org\/menorca\/category\/federacio-de-menorca-portada\/\" rel=\"category tag\">Federaci\u00f3 de Menorca - Portada<\/a>, <a href=\"https:\/\/www.psib-psoe.org\/menorca\/category\/portada\/\" rel=\"category tag\">Portada<\/a><\/aside>\n\t\t\t\t<h3 itemprop=\"headline\"><a href=\"https:\/\/www.psib-psoe.org\/menorca\/el-mon-que-volem-i-els-valors-que-practicam-per-pepe-mercadal\/\" title=\"&#8220;El m\u00f3n que volem i els valors que practicam&#8221;, per Pepe Mercadal\">&#8220;El m\u00f3n que volem i els valors que practicam&#8221;, per Pepe Mercadal<\/a><\/h3>\n\t\t\t<\/header>\n\t\t<\/div>\n\t\t<div class=\"post-content\">\n\t\t\t<a href=\"https:\/\/www.psib-psoe.org\/menorca\/el-mon-que-volem-i-els-valors-que-practicam-per-pepe-mercadal\/\" class=\"more-link\">Read More<\/a>\n\t\t<\/div>\n\t\t\t<aside class=\"post-bottom-meta hide\">\n\t\t<strong rel=\"author\" itemprop=\"author\" class=\"author vcard\"><span class=\"fn\">PSOE Menorca<\/span><\/strong>\n\t\t<time class=\"date published time\" datetime=\"2026-04-27T17:14:09+02:00\" itemprop=\"datePublished\" content=\"2026-04-27T17:14:09+02:00\">3 dies ago<\/time>\n\t\t<meta itemprop=\"dateModified\" class=\"date updated\" content=\"2026-04-27T17:14:12+02:00\">\n\t\t<span class=\"hide\" itemprop=\"publisher\" itemscope itemtype=\"https:\/\/schema.org\/Organization\">\n\t\t\t<meta itemprop=\"name\" content=\"Federaci\u00f3 Socialista de Menorca\">\n\t\t\t<span itemprop=\"logo\" itemscope itemtype=\"https:\/\/schema.org\/ImageObject\">\n\t\t\t\t<meta itemprop=\"url\" content=\"https:\/\/www.psib-psoe.org\/menorca\/wp-content\/themes\/notio-wp\/assets\/img\/logo.png\">\n\t\t\t<\/span>\n\t\t\t<meta itemprop=\"url\" content=\"https:\/\/www.psib-psoe.org\/menorca\/\">\n\t\t<\/span>\n\t\t\t\t<span class=\"hide\" itemprop=\"image\" itemscope itemtype=\"http:\/\/schema.org\/ImageObject\">\n\t\t\t<meta itemprop=\"url\" content=\"https:\/\/www.psib-psoe.org\/menorca\/wp-content\/uploads\/Pepe-Mercadal-Congres-2-scaled.jpg\">\n\t\t\t<meta itemprop=\"width\" content=\"2560\">\n\t\t\t<meta itemprop=\"height\" content=\"1708\">\n\t\t<\/span>\n\t\t\t\t<meta itemscope itemprop=\"mainEntityOfPage\" itemtype=\"https:\/\/schema.org\/WebPage\" itemid=\"https:\/\/www.psib-psoe.org\/menorca\/el-mon-que-volem-i-els-valors-que-practicam-per-pepe-mercadal\/\">\n\t<\/aside>\n\t\t<\/article>\n<\/div>\n<div class=\"small-12 large-4 columns\">\n\t<article itemscope itemtype=\"http:\/\/schema.org\/Article\" class=\"post blog-style7 alt post-27400 type-post status-publish format-standard has-post-thumbnail hentry category-federacio-de-menorca category-federacio-de-menorca-portada category-portada\" role=\"article\">\n\t\t<figure class=\"post-gallery\"><img loading=\"lazy\" decoding=\"async\" width=\"600\" height=\"400\" src=\"https:\/\/www.psib-psoe.org\/menorca\/wp-content\/uploads\/Captura-de-pantalla-2025-11-11-a-les-15.33.20-600x400.png\" class=\"attachment-notio-general-x2 size-notio-general-x2 wp-post-image\" alt=\"\" srcset=\"https:\/\/www.psib-psoe.org\/menorca\/wp-content\/uploads\/Captura-de-pantalla-2025-11-11-a-les-15.33.20-600x400.png 600w, https:\/\/www.psib-psoe.org\/menorca\/wp-content\/uploads\/Captura-de-pantalla-2025-11-11-a-les-15.33.20-300x200.png 300w, https:\/\/www.psib-psoe.org\/menorca\/wp-content\/uploads\/Captura-de-pantalla-2025-11-11-a-les-15.33.20-20x13.png 20w\" sizes=\"(max-width: 600px) 100vw, 600px\" \/><\/figure>\n\t\t<div class=\"blog-top\">\n\t\t\t<header class=\"post-title entry-header\">\n\t\t\t\t<aside class=\"post-meta cf\">\n\t\t24\/04\/2026 \/ <a href=\"https:\/\/www.psib-psoe.org\/menorca\/category\/federacio-de-menorca\/\" rel=\"category tag\">Federaci\u00f3 de Menorca<\/a>, <a href=\"https:\/\/www.psib-psoe.org\/menorca\/category\/federacio-de-menorca-portada\/\" rel=\"category tag\">Federaci\u00f3 de Menorca - Portada<\/a>, <a href=\"https:\/\/www.psib-psoe.org\/menorca\/category\/portada\/\" rel=\"category tag\">Portada<\/a><\/aside>\n\t\t\t\t<h3 itemprop=\"headline\"><a href=\"https:\/\/www.psib-psoe.org\/menorca\/carol-marques-nova-regidora-del-psoe-sant-lluis\/\" title=\"Carol Marqu\u00e8s, nova regidora del PSOE Sant Llu\u00eds\">Carol Marqu\u00e8s, nova regidora del PSOE Sant Llu\u00eds<\/a><\/h3>\n\t\t\t<\/header>\n\t\t<\/div>\n\t\t<div class=\"post-content\">\n\t\t\t<a href=\"https:\/\/www.psib-psoe.org\/menorca\/carol-marques-nova-regidora-del-psoe-sant-lluis\/\" class=\"more-link\">Read More<\/a>\n\t\t<\/div>\n\t\t\t<aside class=\"post-bottom-meta hide\">\n\t\t<strong rel=\"author\" itemprop=\"author\" class=\"author vcard\"><span class=\"fn\">PSOE Menorca<\/span><\/strong>\n\t\t<time class=\"date published time\" datetime=\"2026-04-24T09:21:37+02:00\" itemprop=\"datePublished\" content=\"2026-04-24T09:21:37+02:00\">7 dies ago<\/time>\n\t\t<meta itemprop=\"dateModified\" class=\"date updated\" content=\"2026-04-24T09:21:39+02:00\">\n\t\t<span class=\"hide\" itemprop=\"publisher\" itemscope itemtype=\"https:\/\/schema.org\/Organization\">\n\t\t\t<meta itemprop=\"name\" content=\"Federaci\u00f3 Socialista de Menorca\">\n\t\t\t<span itemprop=\"logo\" itemscope itemtype=\"https:\/\/schema.org\/ImageObject\">\n\t\t\t\t<meta itemprop=\"url\" content=\"https:\/\/www.psib-psoe.org\/menorca\/wp-content\/themes\/notio-wp\/assets\/img\/logo.png\">\n\t\t\t<\/span>\n\t\t\t<meta itemprop=\"url\" content=\"https:\/\/www.psib-psoe.org\/menorca\/\">\n\t\t<\/span>\n\t\t\t\t<span class=\"hide\" itemprop=\"image\" itemscope itemtype=\"http:\/\/schema.org\/ImageObject\">\n\t\t\t<meta itemprop=\"url\" content=\"https:\/\/www.psib-psoe.org\/menorca\/wp-content\/uploads\/Captura-de-pantalla-2025-11-11-a-les-15.33.20.png\">\n\t\t\t<meta itemprop=\"width\" content=\"923\">\n\t\t\t<meta itemprop=\"height\" content=\"485\">\n\t\t<\/span>\n\t\t\t\t<meta itemscope itemprop=\"mainEntityOfPage\" itemtype=\"https:\/\/schema.org\/WebPage\" itemid=\"https:\/\/www.psib-psoe.org\/menorca\/carol-marques-nova-regidora-del-psoe-sant-lluis\/\">\n\t<\/aside>\n\t\t<\/article>\n<\/div>\n<div class=\"small-12 large-4 columns\">\n\t<article itemscope itemtype=\"http:\/\/schema.org\/Article\" class=\"post blog-style7 alt post-27398 type-post status-publish format-standard has-post-thumbnail hentry category-federacio-de-menorca category-federacio-de-menorca-portada category-portada\" role=\"article\">\n\t\t<figure class=\"post-gallery\"><img loading=\"lazy\" decoding=\"async\" width=\"600\" height=\"400\" src=\"https:\/\/www.psib-psoe.org\/menorca\/wp-content\/uploads\/Mercadal-i-Pons-edited-600x400.jpg\" class=\"attachment-notio-general-x2 size-notio-general-x2 wp-post-image\" alt=\"\" srcset=\"https:\/\/www.psib-psoe.org\/menorca\/wp-content\/uploads\/Mercadal-i-Pons-edited-600x400.jpg 600w, https:\/\/www.psib-psoe.org\/menorca\/wp-content\/uploads\/Mercadal-i-Pons-edited-300x200.jpg 300w, https:\/\/www.psib-psoe.org\/menorca\/wp-content\/uploads\/Mercadal-i-Pons-edited-1024x683.jpg 1024w, https:\/\/www.psib-psoe.org\/menorca\/wp-content\/uploads\/Mercadal-i-Pons-edited-768x512.jpg 768w, https:\/\/www.psib-psoe.org\/menorca\/wp-content\/uploads\/Mercadal-i-Pons-edited-1536x1024.jpg 1536w, https:\/\/www.psib-psoe.org\/menorca\/wp-content\/uploads\/Mercadal-i-Pons-edited-2048x1365.jpg 2048w, https:\/\/www.psib-psoe.org\/menorca\/wp-content\/uploads\/Mercadal-i-Pons-edited-150x100.jpg 150w, https:\/\/www.psib-psoe.org\/menorca\/wp-content\/uploads\/Mercadal-i-Pons-edited-900x600.jpg 900w, https:\/\/www.psib-psoe.org\/menorca\/wp-content\/uploads\/Mercadal-i-Pons-edited-20x13.jpg 20w\" sizes=\"(max-width: 600px) 100vw, 600px\" \/><\/figure>\n\t\t<div class=\"blog-top\">\n\t\t\t<header class=\"post-title entry-header\">\n\t\t\t\t<aside class=\"post-meta cf\">\n\t\t23\/04\/2026 \/ <a href=\"https:\/\/www.psib-psoe.org\/menorca\/category\/federacio-de-menorca\/\" rel=\"category tag\">Federaci\u00f3 de Menorca<\/a>, <a href=\"https:\/\/www.psib-psoe.org\/menorca\/category\/federacio-de-menorca-portada\/\" rel=\"category tag\">Federaci\u00f3 de Menorca - Portada<\/a>, <a href=\"https:\/\/www.psib-psoe.org\/menorca\/category\/portada\/\" rel=\"category tag\">Portada<\/a><\/aside>\n\t\t\t\t<h3 itemprop=\"headline\"><a href=\"https:\/\/www.psib-psoe.org\/menorca\/el-psoe-menorca-denuncia-que-la-modificacio-de-la-llei-de-ports-afavoreix-interessos-privats\/\" title=\"El PSOE Menorca denuncia que la modificaci\u00f3 de la Llei de Ports afavoreix interessos privats\">El PSOE Menorca denuncia que la modificaci\u00f3 de la Llei de Ports afavoreix interessos privats<\/a><\/h3>\n\t\t\t<\/header>\n\t\t<\/div>\n\t\t<div class=\"post-content\">\n\t\t\t<a href=\"https:\/\/www.psib-psoe.org\/menorca\/el-psoe-menorca-denuncia-que-la-modificacio-de-la-llei-de-ports-afavoreix-interessos-privats\/\" class=\"more-link\">Read More<\/a>\n\t\t<\/div>\n\t\t\t<aside class=\"post-bottom-meta hide\">\n\t\t<strong rel=\"author\" itemprop=\"author\" class=\"author vcard\"><span class=\"fn\">PSOE Menorca<\/span><\/strong>\n\t\t<time class=\"date published time\" datetime=\"2026-04-23T09:18:18+02:00\" itemprop=\"datePublished\" content=\"2026-04-23T09:18:18+02:00\">1 setmana ago<\/time>\n\t\t<meta itemprop=\"dateModified\" class=\"date updated\" content=\"2026-04-24T09:19:48+02:00\">\n\t\t<span class=\"hide\" itemprop=\"publisher\" itemscope itemtype=\"https:\/\/schema.org\/Organization\">\n\t\t\t<meta itemprop=\"name\" content=\"Federaci\u00f3 Socialista de Menorca\">\n\t\t\t<span itemprop=\"logo\" itemscope itemtype=\"https:\/\/schema.org\/ImageObject\">\n\t\t\t\t<meta itemprop=\"url\" content=\"https:\/\/www.psib-psoe.org\/menorca\/wp-content\/themes\/notio-wp\/assets\/img\/logo.png\">\n\t\t\t<\/span>\n\t\t\t<meta itemprop=\"url\" content=\"https:\/\/www.psib-psoe.org\/menorca\/\">\n\t\t<\/span>\n\t\t\t\t<span class=\"hide\" itemprop=\"image\" itemscope itemtype=\"http:\/\/schema.org\/ImageObject\">\n\t\t\t<meta itemprop=\"url\" content=\"https:\/\/www.psib-psoe.org\/menorca\/wp-content\/uploads\/Mercadal-i-Pons-edited-scaled.jpg\">\n\t\t\t<meta itemprop=\"width\" content=\"2560\">\n\t\t\t<meta itemprop=\"height\" content=\"1706\">\n\t\t<\/span>\n\t\t\t\t<meta itemscope itemprop=\"mainEntityOfPage\" itemtype=\"https:\/\/schema.org\/WebPage\" itemid=\"https:\/\/www.psib-psoe.org\/menorca\/el-psoe-menorca-denuncia-que-la-modificacio-de-la-llei-de-ports-afavoreix-interessos-privats\/\">\n\t<\/aside>\n\t\t<\/article>\n<\/div>\n<div class=\"small-12 large-4 columns\">\n\t<article itemscope itemtype=\"http:\/\/schema.org\/Article\" class=\"post blog-style7 alt post-27396 type-post status-publish format-standard hentry category-federacio-de-menorca category-federacio-de-menorca-portada category-portada\" role=\"article\">\n\t\t<figure class=\"post-gallery\"><\/figure>\n\t\t<div class=\"blog-top\">\n\t\t\t<header class=\"post-title entry-header\">\n\t\t\t\t<aside class=\"post-meta cf\">\n\t\t22\/04\/2026 \/ <a href=\"https:\/\/www.psib-psoe.org\/menorca\/category\/federacio-de-menorca\/\" rel=\"category tag\">Federaci\u00f3 de Menorca<\/a>, <a href=\"https:\/\/www.psib-psoe.org\/menorca\/category\/federacio-de-menorca-portada\/\" rel=\"category tag\">Federaci\u00f3 de Menorca - Portada<\/a>, <a href=\"https:\/\/www.psib-psoe.org\/menorca\/category\/portada\/\" rel=\"category tag\">Portada<\/a><\/aside>\n\t\t\t\t<h3 itemprop=\"headline\"><a href=\"https:\/\/www.psib-psoe.org\/menorca\/el-psoe-menorca-denuncia-el-fracas-del-pp-en-mobilitat-i-alerta-dun-nou-estiu-de-caos-a-les-carreteres\/\" title=\"El PSOE Menorca denuncia el \u201cfrac\u00e0s\u201d del PP en mobilitat i alerta d\u2019un nou estiu de caos a les carreteres\">El PSOE Menorca denuncia el \u201cfrac\u00e0s\u201d del PP en mobilitat i alerta d\u2019un nou estiu de caos a les carreteres<\/a><\/h3>\n\t\t\t<\/header>\n\t\t<\/div>\n\t\t<div class=\"post-content\">\n\t\t\t<a href=\"https:\/\/www.psib-psoe.org\/menorca\/el-psoe-menorca-denuncia-el-fracas-del-pp-en-mobilitat-i-alerta-dun-nou-estiu-de-caos-a-les-carreteres\/\" class=\"more-link\">Read More<\/a>\n\t\t<\/div>\n\t\t\t<aside class=\"post-bottom-meta hide\">\n\t\t<strong rel=\"author\" itemprop=\"author\" class=\"author vcard\"><span class=\"fn\">PSOE Menorca<\/span><\/strong>\n\t\t<time class=\"date published time\" datetime=\"2026-04-22T18:29:44+02:00\" itemprop=\"datePublished\" content=\"2026-04-22T18:29:44+02:00\">1 setmana ago<\/time>\n\t\t<meta itemprop=\"dateModified\" class=\"date updated\" content=\"2026-04-22T18:29:46+02:00\">\n\t\t<span class=\"hide\" itemprop=\"publisher\" itemscope itemtype=\"https:\/\/schema.org\/Organization\">\n\t\t\t<meta itemprop=\"name\" content=\"Federaci\u00f3 Socialista de Menorca\">\n\t\t\t<span itemprop=\"logo\" itemscope itemtype=\"https:\/\/schema.org\/ImageObject\">\n\t\t\t\t<meta itemprop=\"url\" content=\"https:\/\/www.psib-psoe.org\/menorca\/wp-content\/themes\/notio-wp\/assets\/img\/logo.png\">\n\t\t\t<\/span>\n\t\t\t<meta itemprop=\"url\" content=\"https:\/\/www.psib-psoe.org\/menorca\/\">\n\t\t<\/span>\n\t\t\t\t<meta itemscope itemprop=\"mainEntityOfPage\" itemtype=\"https:\/\/schema.org\/WebPage\" itemid=\"https:\/\/www.psib-psoe.org\/menorca\/el-psoe-menorca-denuncia-el-fracas-del-pp-en-mobilitat-i-alerta-dun-nou-estiu-de-caos-a-les-carreteres\/\">\n\t<\/aside>\n\t\t<\/article>\n<\/div>\n\t<\/div>\n\t[vc_btn title=&#8221;Veure m\u00e9s noticies&#8221; style=&#8221;outline-custom&#8221; outline_custom_color=&#8221;#e30613&#8243; outline_custom_hover_background=&#8221;#e30613&#8243; outline_custom_hover_text=&#8221;#ffffff&#8221; shape=&#8221;square&#8221; align=&#8221;center&#8221; button_block=&#8221;true&#8221; link=&#8221;url:http%3A%2F%2Fwww.psib-psoe.org%2Fmenorca%2Factualitat%2F|||&#8221;][\/vc_column][\/vc_row][vc_row css=&#8221;.vc_custom_1546869565288{padding-top: 100px !important;padding-bottom: 50px !important;}&#8221;][vc_column width=&#8221;1\/2&#8243;][vc_column_text]\n<h2 class=\"bold\" style=\"color: #e30613;\">Estructura<\/h2>\n[\/vc_column_text][vc_separator color=&#8221;custom&#8221; align=&#8221;align_left&#8221; border_width=&#8221;3&#8243; el_width=&#8221;20&#8243; css=&#8221;.vc_custom_1527088328168{padding-top: 10px !important;}&#8221; accent_color=&#8221;#e30613&#8243;][vc_empty_space height=&#8221;10px&#8221;][vc_column_text]<strong>La Federaci\u00f3 Socialista de Menorca, el PSOE Menorca, \u00e9s el partit dels i les socialistes de l\u2019illa i s\u2019integra dins el PSIB de les Illes Balears i a l\u2019estructura federal del PSOE. Est\u00e0 format per vuit agrupacions locals, als vuit municipis menorquins.<\/strong><\/p>\n<p>El PSOE Menorca \u00e9s responsable de l\u2019organitzaci\u00f3 territorial i dels grups de treball tem\u00e0tics, anomenats sectorials. Les agrupacions locals representen l\u2019\u00e0mbit organitzatiu m\u00e9s b\u00e0sic del partit i al qual pertanyen tots els i les militants.<\/p>\n<p>En tots els nivells, les decisions es prenen per dos \u00f2rgans: un sobir\u00e0 i representatiu de tota la milit\u00e0ncia, en el cas de Menorca, el Comit\u00e8 Insular, i un altre de car\u00e0cter executiu, que \u00e9s la Comissi\u00f3 Executiva Insular.[\/vc_column_text][\/vc_column][vc_column width=&#8221;1\/2&#8243; el_class=&#8221;col_vacia&#8221;][vc_column_text]\n<h3 class=\"bold\" style=\"color: #e30613;\">Com ens organitzam?<\/h3>\n[\/vc_column_text][vc_separator color=&#8221;custom&#8221; align=&#8221;align_left&#8221; border_width=&#8221;3&#8243; el_width=&#8221;20&#8243; css=&#8221;.vc_custom_1527088328168{padding-top: 10px !important;}&#8221; accent_color=&#8221;#e30613&#8243;][vc_empty_space height=&#8221;30px&#8221;][vc_column_text]\n<p style=\"color: #e30613;\">Unes estructures flexibles i transparents permeten la participaci\u00f3 dels militants i dels simpatitzants.<br \/>\nDestaques les seg\u00fcents estructures:<\/p>\n<p style=\"color: #e30613;\"><strong>&#8211; Funcional:<\/strong> Permet l&#8217;execuci\u00f3 i gesti\u00f3 del Partit<\/p>\n<p style=\"color: #e30613;\"><strong>&#8211; Territorial:\u00a0<\/strong>Des de les agrupacions municipals, locals o de districte; passant per les federacions insulars, provincials o comarcals; partits o federacions nacionals o regionals; fins a l\u2019\u00e0mbit federal.<\/p>\n<p style=\"color: #e30613;\"><strong>&#8211; Sectorial:<\/strong> Permet l&#8217;implicaci\u00f3 en \u00e0rees pol\u00edtiques concretes.<\/p>\n[\/vc_column_text][vc_empty_space][vc_btn title=&#8221;Comissi\u00f3 Executiva PSOE Menorca&#8221; style=&#8221;outline-custom&#8221; outline_custom_color=&#8221;#e30613&#8243; outline_custom_hover_background=&#8221;#e30613&#8243; outline_custom_hover_text=&#8221;#ffffff&#8221; shape=&#8221;square&#8221; align=&#8221;center&#8221; i_icon_fontawesome=&#8221;&#8221; css=&#8221;&#8221; button_block=&#8221;true&#8221; add_icon=&#8221;true&#8221; link=&#8221;url:http%3A%2F%2Fwww.psib-psoe.org%2Fmenorca%2Fwp-content%2Fuploads%2Fsense-nom.pdf|target:_blank&#8221;][vc_btn title=&#8221;Comit\u00e8 Insular PSOE Menorca&#8221; style=&#8221;outline-custom&#8221; outline_custom_color=&#8221;#e30613&#8243; outline_custom_hover_background=&#8221;#e30613&#8243; outline_custom_hover_text=&#8221;#ffffff&#8221; shape=&#8221;square&#8221; align=&#8221;center&#8221; i_icon_fontawesome=&#8221;&#8221; css=&#8221;.vc_custom_1753175825010{padding-bottom: 40px !important;}&#8221; button_block=&#8221;true&#8221; add_icon=&#8221;true&#8221; link=&#8221;url:http%3A%2F%2Fwww.psib-psoe.org%2Fmenorca%2Fwp-content%2Fuploads%2FComite-Insular.pdf|target:_blank&#8221;][\/vc_column][\/vc_row][vc_row thb_full_width=&#8221;true&#8221; thb_row_padding=&#8221;true&#8221; css=&#8221;.vc_custom_1579096973482{background-color: #ffffff !important;}&#8221;][vc_column][vc_single_image image=&#8221;26947&#8243; img_size=&#8221;full&#8221; alignment=&#8221;center&#8221; css=&#8221;&#8221;][\/vc_column][\/vc_row][vc_row thb_full_width=&#8221;true&#8221; css=&#8221;.vc_custom_1579096847048{margin-top: 10px !important;background-color: #f6f6f6 !important;}&#8221;][vc_column][vc_column_text css=&#8221;.vc_custom_1628678549948{padding-top: 50px !important;padding-bottom: 30px !important;}&#8221;]\n<h1 class=\"bold\" style=\"text-align: center;\">Afilia&#8217;t al partit socialista<\/h1>\n<h3 class=\"light\" style=\"text-align: center;\">Ajuda\u2019ns a construir un futur millor<\/h3>\n[\/vc_column_text][vc_raw_html]JTNDYSUyMG5hbWUlM0QlMjJlc3RydWN0dXJhJTIyJTNFJTNDJTJGYSUzRQ==[\/vc_raw_html][vc_btn title=&#8221;Em vull afiliar&#8221; style=&#8221;outline-custom&#8221; outline_custom_color=&#8221;#e30613&#8243; outline_custom_hover_background=&#8221;#e30613&#8243; outline_custom_hover_text=&#8221;#ffffff&#8221; shape=&#8221;square&#8221; align=&#8221;center&#8221; css=&#8221;.vc_custom_1628678558488{padding-bottom: 40px !important;}&#8221; link=&#8221;url:%2Fafiliacio%2F||target:%20_blank|&#8221;][\/vc_column][\/vc_row][vc_row thb_full_width=&#8221;true&#8221; disable_element=&#8221;yes&#8221; css=&#8221;.vc_custom_1579096881173{padding-top: 50px !important;padding-bottom: 50px !important;background-color: #efefef !important;}&#8221;][vc_column width=&#8221;2\/12&#8243;][\/vc_column][vc_column width=&#8221;1\/12&#8243;][\/vc_column][vc_column width=&#8221;7\/12&#8243;][\/vc_column][vc_column width=&#8221;2\/12&#8243;][\/vc_column][\/vc_row]\n<\/div>","protected":false},"excerpt":{"rendered":"<p>[vc_row thb_full_width=&#8221;true&#8221; css=&#8221;.vc_custom_1546861511451{background-color: #e30613 !important;}&#8221;][vc_column][\/vc_column][\/vc_row][vc_row thb_full_width=&#8221;true&#8221;][vc_column][\/vc_column][vc_column][vc_separator][vc_empty_space][vc_empty_space][\/vc_column][\/vc_row][vc_row thb_full_width=&#8221;true&#8221; css=&#8221;.vc_custom_1546862352897{padding-top: 30px !important;padding-bottom: 30px !important;}&#8221;][vc_column width=&#8221;1\/3&#8243;][vc_btn title=&#8221;Qui som&#8221; style=&#8221;outline-custom&#8221; outline_custom_color=&#8221;#e30613&#8243; outline_custom_hover_background=&#8221;#e30613&#8243; outline_custom_hover_text=&#8221;#ffffff&#8221; shape=&#8221;square&#8221; align=&#8221;left&#8221; i_icon_fontawesome=&#8221;fa fa-plus&#8221; button_block=&#8221;true&#8221; add_icon=&#8221;true&#8221; el_class=&#8221;bot_interior_fed&#8221; link=&#8221;url:%23estructura|||&#8221; el_id=&#8221;bot_interior_fed&#8221;][vc_btn title=&#8221;Altres v\u00eddeos&#8221; style=&#8221;outline-custom&#8221; outline_custom_color=&#8221;#e30613&#8243; outline_custom_hover_background=&#8221;#e30613&#8243; outline_custom_hover_text=&#8221;#ffffff&#8221; shape=&#8221;square&#8221; align=&#8221;left&#8221; i_icon_fontawesome=&#8221;fa fa-plus&#8221; button_block=&#8221;true&#8221; add_icon=&#8221;true&#8221; el_class=&#8221;bot_interior_fed&#8221; link=&#8221;url:https%3A%2F%2Fwww.youtube.com%2Fchannel%2FUCi0Eh10KZaq6OHRFcbrWdHQ|title:PSOE%20Menorca%20TV|target:%20_blank|&#8221;][\/vc_column][vc_column width=&#8221;1\/3&#8243;][vc_btn title=&#8221;Actualitat&#8221; style=&#8221;outline-custom&#8221; outline_custom_color=&#8221;#e30613&#8243; outline_custom_hover_background=&#8221;#e30613&#8243; outline_custom_hover_text=&#8221;#ffffff&#8221; shape=&#8221;square&#8221; align=&#8221;left&#8221; i_icon_fontawesome=&#8221;fa fa-plus&#8221; button_block=&#8221;true&#8221; add_icon=&#8221;true&#8221; el_class=&#8221;bot_interior_fed&#8221;&hellip;<\/p>\n","protected":false},"author":1,"featured_media":0,"parent":0,"menu_order":0,"comment_status":"closed","ping_status":"closed","template":"","meta":{"footnotes":""},"class_list":["post-21","page","type-page","status-publish","hentry"],"_links":{"self":[{"href":"https:\/\/www.psib-psoe.org\/menorca\/wp-json\/wp\/v2\/pages\/21"}],"collection":[{"href":"https:\/\/www.psib-psoe.org\/menorca\/wp-json\/wp\/v2\/pages"}],"about":[{"href":"https:\/\/www.psib-psoe.org\/menorca\/wp-json\/wp\/v2\/types\/page"}],"author":[{"embeddable":true,"href":"https:\/\/www.psib-psoe.org\/menorca\/wp-json\/wp\/v2\/users\/1"}],"replies":[{"embeddable":true,"href":"https:\/\/www.psib-psoe.org\/menorca\/wp-json\/wp\/v2\/comments?post=21"}],"version-history":[{"count":6,"href":"https:\/\/www.psib-psoe.org\/menorca\/wp-json\/wp\/v2\/pages\/21\/revisions"}],"predecessor-version":[{"id":27058,"href":"https:\/\/www.psib-psoe.org\/menorca\/wp-json\/wp\/v2\/pages\/21\/revisions\/27058"}],"wp:attachment":[{"href":"https:\/\/www.psib-psoe.org\/menorca\/wp-json\/wp\/v2\/media?parent=21"}],"curies":[{"name":"wp","href":"https:\/\/api.w.org\/{rel}","templated":true}]}}