{"id":23850,"date":"2019-06-11T13:59:57","date_gmt":"2019-06-11T11:59:57","guid":{"rendered":"http:\/\/www.psib-psoe.org\/menorca\/?page_id=23850"},"modified":"2020-04-23T19:22:21","modified_gmt":"2020-04-23T17:22:21","slug":"actualitat-municipis","status":"publish","type":"page","link":"https:\/\/www.psib-psoe.org\/menorca\/actualitat-municipis\/","title":{"rendered":"Actualitat: Municipis"},"content":{"rendered":"<div class=\"wpb-content-wrapper\">[vc_row content_placement=&#8221;bottom&#8221; disable_element=&#8221;yes&#8221;][vc_column][vc_empty_space height=&#8221;100px&#8221;][vc_column_text css=&#8221;.vc_custom_1560254362900{padding-left: 15px !important;}&#8221;]\n<h2 class=\"bold\">Actualitat: Municipis<\/h2>\n[\/vc_column_text][vc_separator color=&#8221;custom&#8221; align=&#8221;align_left&#8221; border_width=&#8221;3&#8243; el_width=&#8221;10&#8243; accent_color=&#8221;#e30613&#8243; css=&#8221;.vc_custom_1527088004802{padding-top: 10px !important;padding-left: 15px !important;}&#8221;][vc_empty_space height=&#8221;60px&#8221;][vc_wp_custommenu nav_menu=&#8221;67&#8243; el_class=&#8221;filtros&#8221;]\t<div class=\"posts-shortcode align-stretch blog-listing-style8 row \">\n\t\t<div class=\"small-12 large-4 columns\">\n\t<article itemscope itemtype=\"http:\/\/schema.org\/Article\" class=\"post blog-style7 alt post-27141 type-post status-publish format-standard hentry category-federacio-de-menorca category-federacio-de-menorca-portada category-municipis category-portada\" role=\"article\">\n\t\t<figure class=\"post-gallery\"><\/figure>\n\t\t<div class=\"blog-top\">\n\t\t\t<header class=\"post-title entry-header\">\n\t\t\t\t<aside class=\"post-meta cf\">\n\t\t10\/10\/2025 \/ <a href=\"https:\/\/www.psib-psoe.org\/menorca\/category\/federacio-de-menorca\/\" rel=\"category tag\">Federaci\u00f3 de Menorca<\/a>, <a href=\"https:\/\/www.psib-psoe.org\/menorca\/category\/federacio-de-menorca-portada\/\" rel=\"category tag\">Federaci\u00f3 de Menorca - Portada<\/a>, <a href=\"https:\/\/www.psib-psoe.org\/menorca\/category\/municipis\/\" rel=\"category tag\">Municipis<\/a>, <a href=\"https:\/\/www.psib-psoe.org\/menorca\/category\/portada\/\" rel=\"category tag\">Portada<\/a><\/aside>\n\t\t\t\t<h3 itemprop=\"headline\"><a href=\"https:\/\/www.psib-psoe.org\/menorca\/mao-i-ciutadella-iniciaran-els-tramits-per-sollicitar-formalment-al-govern-la-declaracio-de-zona-tensada\/\" title=\"Ma\u00f3 i Ciutadella iniciaran els tr\u00e0mits per sol\u00b7licitar formalment al Govern la declaraci\u00f3 de zona tensada\">Ma\u00f3 i Ciutadella iniciaran els tr\u00e0mits per sol\u00b7licitar formalment al Govern la declaraci\u00f3 de zona tensada<\/a><\/h3>\n\t\t\t<\/header>\n\t\t<\/div>\n\t\t<div class=\"post-content\">\n\t\t\t<a href=\"https:\/\/www.psib-psoe.org\/menorca\/mao-i-ciutadella-iniciaran-els-tramits-per-sollicitar-formalment-al-govern-la-declaracio-de-zona-tensada\/\" class=\"more-link\">Read More<\/a>\n\t\t<\/div>\n\t\t\t<aside class=\"post-bottom-meta hide\">\n\t\t<strong rel=\"author\" itemprop=\"author\" class=\"author vcard\"><span class=\"fn\">PSOE Menorca<\/span><\/strong>\n\t\t<time class=\"date published time\" datetime=\"2025-10-10T13:10:39+02:00\" itemprop=\"datePublished\" content=\"2025-10-10T13:10:39+02:00\">10\/10\/2025<\/time>\n\t\t<meta itemprop=\"dateModified\" class=\"date updated\" content=\"2025-10-12T10:36:04+02:00\">\n\t\t<span class=\"hide\" itemprop=\"publisher\" itemscope itemtype=\"https:\/\/schema.org\/Organization\">\n\t\t\t<meta itemprop=\"name\" content=\"Federaci\u00f3 Socialista de Menorca\">\n\t\t\t<span itemprop=\"logo\" itemscope itemtype=\"https:\/\/schema.org\/ImageObject\">\n\t\t\t\t<meta itemprop=\"url\" content=\"https:\/\/www.psib-psoe.org\/menorca\/wp-content\/themes\/notio-wp\/assets\/img\/logo.png\">\n\t\t\t<\/span>\n\t\t\t<meta itemprop=\"url\" content=\"https:\/\/www.psib-psoe.org\/menorca\/\">\n\t\t<\/span>\n\t\t\t\t<meta itemscope itemprop=\"mainEntityOfPage\" itemtype=\"https:\/\/schema.org\/WebPage\" itemid=\"https:\/\/www.psib-psoe.org\/menorca\/mao-i-ciutadella-iniciaran-els-tramits-per-sollicitar-formalment-al-govern-la-declaracio-de-zona-tensada\/\">\n\t<\/aside>\n\t\t<\/article>\n<\/div>\n<div class=\"small-12 large-4 columns\">\n\t<article itemscope itemtype=\"http:\/\/schema.org\/Article\" class=\"post blog-style7 alt post-26918 type-post status-publish format-standard has-post-thumbnail hentry category-federacio-de-menorca category-federacio-de-menorca-portada category-municipis category-portada\" role=\"article\">\n\t\t<figure class=\"post-gallery\"><img loading=\"lazy\" decoding=\"async\" width=\"600\" height=\"400\" src=\"https:\/\/www.psib-psoe.org\/menorca\/wp-content\/uploads\/54438862369_2e751322e7_o-600x400.jpg\" class=\"attachment-notio-general-x2 size-notio-general-x2 wp-post-image\" alt=\"\" srcset=\"https:\/\/www.psib-psoe.org\/menorca\/wp-content\/uploads\/54438862369_2e751322e7_o-600x400.jpg 600w, https:\/\/www.psib-psoe.org\/menorca\/wp-content\/uploads\/54438862369_2e751322e7_o-300x200.jpg 300w, https:\/\/www.psib-psoe.org\/menorca\/wp-content\/uploads\/54438862369_2e751322e7_o-1024x683.jpg 1024w, https:\/\/www.psib-psoe.org\/menorca\/wp-content\/uploads\/54438862369_2e751322e7_o-768x512.jpg 768w, https:\/\/www.psib-psoe.org\/menorca\/wp-content\/uploads\/54438862369_2e751322e7_o-1536x1024.jpg 1536w, https:\/\/www.psib-psoe.org\/menorca\/wp-content\/uploads\/54438862369_2e751322e7_o-2048x1365.jpg 2048w, https:\/\/www.psib-psoe.org\/menorca\/wp-content\/uploads\/54438862369_2e751322e7_o-150x100.jpg 150w, https:\/\/www.psib-psoe.org\/menorca\/wp-content\/uploads\/54438862369_2e751322e7_o-900x600.jpg 900w, https:\/\/www.psib-psoe.org\/menorca\/wp-content\/uploads\/54438862369_2e751322e7_o-20x13.jpg 20w\" sizes=\"(max-width: 600px) 100vw, 600px\" \/><\/figure>\n\t\t<div class=\"blog-top\">\n\t\t\t<header class=\"post-title entry-header\">\n\t\t\t\t<aside class=\"post-meta cf\">\n\t\t11\/04\/2025 \/ <a href=\"https:\/\/www.psib-psoe.org\/menorca\/category\/federacio-de-menorca\/\" rel=\"category tag\">Federaci\u00f3 de Menorca<\/a>, <a href=\"https:\/\/www.psib-psoe.org\/menorca\/category\/federacio-de-menorca-portada\/\" rel=\"category tag\">Federaci\u00f3 de Menorca - Portada<\/a>, <a href=\"https:\/\/www.psib-psoe.org\/menorca\/category\/municipis\/\" rel=\"category tag\">Municipis<\/a>, <a href=\"https:\/\/www.psib-psoe.org\/menorca\/category\/portada\/\" rel=\"category tag\">Portada<\/a><\/aside>\n\t\t\t\t<h3 itemprop=\"headline\"><a href=\"https:\/\/www.psib-psoe.org\/menorca\/el-psoe-destaca-lagilitat-del-govern-despanya-en-la-resposta-als-aranzels-de-trump-i-demana-a-prohens-i-vilafranca-mes-compromis\/\" title=\"El PSOE destaca l\u2019agilitat del Govern d&#8217;Espanya en la resposta als aranzels de Trump i demana a Prohens i Vilafranca m\u00e9s comprom\u00eds\">El PSOE destaca l\u2019agilitat del Govern d&#8217;Espanya en la resposta als aranzels de Trump i demana a Prohens i Vilafranca m\u00e9s comprom\u00eds<\/a><\/h3>\n\t\t\t<\/header>\n\t\t<\/div>\n\t\t<div class=\"post-content\">\n\t\t\t<a href=\"https:\/\/www.psib-psoe.org\/menorca\/el-psoe-destaca-lagilitat-del-govern-despanya-en-la-resposta-als-aranzels-de-trump-i-demana-a-prohens-i-vilafranca-mes-compromis\/\" class=\"more-link\">Read More<\/a>\n\t\t<\/div>\n\t\t\t<aside class=\"post-bottom-meta hide\">\n\t\t<strong rel=\"author\" itemprop=\"author\" class=\"author vcard\"><span class=\"fn\">PSOE Menorca<\/span><\/strong>\n\t\t<time class=\"date published time\" datetime=\"2025-04-11T11:00:49+02:00\" itemprop=\"datePublished\" content=\"2025-04-11T11:00:49+02:00\">11\/04\/2025<\/time>\n\t\t<meta itemprop=\"dateModified\" class=\"date updated\" content=\"2025-04-11T11:01:01+02:00\">\n\t\t<span class=\"hide\" itemprop=\"publisher\" itemscope itemtype=\"https:\/\/schema.org\/Organization\">\n\t\t\t<meta itemprop=\"name\" content=\"Federaci\u00f3 Socialista de Menorca\">\n\t\t\t<span itemprop=\"logo\" itemscope itemtype=\"https:\/\/schema.org\/ImageObject\">\n\t\t\t\t<meta itemprop=\"url\" content=\"https:\/\/www.psib-psoe.org\/menorca\/wp-content\/themes\/notio-wp\/assets\/img\/logo.png\">\n\t\t\t<\/span>\n\t\t\t<meta itemprop=\"url\" content=\"https:\/\/www.psib-psoe.org\/menorca\/\">\n\t\t<\/span>\n\t\t\t\t<span class=\"hide\" itemprop=\"image\" itemscope itemtype=\"http:\/\/schema.org\/ImageObject\">\n\t\t\t<meta itemprop=\"url\" content=\"https:\/\/www.psib-psoe.org\/menorca\/wp-content\/uploads\/54438862369_2e751322e7_o-scaled.jpg\">\n\t\t\t<meta itemprop=\"width\" content=\"2560\">\n\t\t\t<meta itemprop=\"height\" content=\"1707\">\n\t\t<\/span>\n\t\t\t\t<meta itemscope itemprop=\"mainEntityOfPage\" itemtype=\"https:\/\/schema.org\/WebPage\" itemid=\"https:\/\/www.psib-psoe.org\/menorca\/el-psoe-destaca-lagilitat-del-govern-despanya-en-la-resposta-als-aranzels-de-trump-i-demana-a-prohens-i-vilafranca-mes-compromis\/\">\n\t<\/aside>\n\t\t<\/article>\n<\/div>\n<div class=\"small-12 large-4 columns\">\n\t<article itemscope itemtype=\"http:\/\/schema.org\/Article\" class=\"post blog-style7 alt post-26915 type-post status-publish format-standard has-post-thumbnail hentry category-federacio-de-menorca category-federacio-de-menorca-portada category-municipis category-portada\" role=\"article\">\n\t\t<figure class=\"post-gallery\"><img loading=\"lazy\" decoding=\"async\" width=\"600\" height=\"400\" src=\"https:\/\/www.psib-psoe.org\/menorca\/wp-content\/uploads\/Mercadal-al-Congres-600x400.jpg\" class=\"attachment-notio-general-x2 size-notio-general-x2 wp-post-image\" alt=\"\" srcset=\"https:\/\/www.psib-psoe.org\/menorca\/wp-content\/uploads\/Mercadal-al-Congres-600x400.jpg 600w, https:\/\/www.psib-psoe.org\/menorca\/wp-content\/uploads\/Mercadal-al-Congres-300x200.jpg 300w, https:\/\/www.psib-psoe.org\/menorca\/wp-content\/uploads\/Mercadal-al-Congres-900x600.jpg 900w, https:\/\/www.psib-psoe.org\/menorca\/wp-content\/uploads\/Mercadal-al-Congres-20x13.jpg 20w\" sizes=\"(max-width: 600px) 100vw, 600px\" \/><\/figure>\n\t\t<div class=\"blog-top\">\n\t\t\t<header class=\"post-title entry-header\">\n\t\t\t\t<aside class=\"post-meta cf\">\n\t\t10\/04\/2025 \/ <a href=\"https:\/\/www.psib-psoe.org\/menorca\/category\/federacio-de-menorca\/\" rel=\"category tag\">Federaci\u00f3 de Menorca<\/a>, <a href=\"https:\/\/www.psib-psoe.org\/menorca\/category\/federacio-de-menorca-portada\/\" rel=\"category tag\">Federaci\u00f3 de Menorca - Portada<\/a>, <a href=\"https:\/\/www.psib-psoe.org\/menorca\/category\/municipis\/\" rel=\"category tag\">Municipis<\/a>, <a href=\"https:\/\/www.psib-psoe.org\/menorca\/category\/portada\/\" rel=\"category tag\">Portada<\/a><\/aside>\n\t\t\t\t<h3 itemprop=\"headline\"><a href=\"https:\/\/www.psib-psoe.org\/menorca\/protegir-el-futur-dels-catxalots-al-nord-de-menorca-per-pepe-mercadal\/\" title=\"Protegir el futur dels catxalots al nord de Menorca, per Pepe Mercadal\">Protegir el futur dels catxalots al nord de Menorca, per Pepe Mercadal<\/a><\/h3>\n\t\t\t<\/header>\n\t\t<\/div>\n\t\t<div class=\"post-content\">\n\t\t\t<a href=\"https:\/\/www.psib-psoe.org\/menorca\/protegir-el-futur-dels-catxalots-al-nord-de-menorca-per-pepe-mercadal\/\" class=\"more-link\">Read More<\/a>\n\t\t<\/div>\n\t\t\t<aside class=\"post-bottom-meta hide\">\n\t\t<strong rel=\"author\" itemprop=\"author\" class=\"author vcard\"><span class=\"fn\">PSOE Menorca<\/span><\/strong>\n\t\t<time class=\"date published time\" datetime=\"2025-04-10T09:14:03+02:00\" itemprop=\"datePublished\" content=\"2025-04-10T09:14:03+02:00\">10\/04\/2025<\/time>\n\t\t<meta itemprop=\"dateModified\" class=\"date updated\" content=\"2025-04-10T09:14:15+02:00\">\n\t\t<span class=\"hide\" itemprop=\"publisher\" itemscope itemtype=\"https:\/\/schema.org\/Organization\">\n\t\t\t<meta itemprop=\"name\" content=\"Federaci\u00f3 Socialista de Menorca\">\n\t\t\t<span itemprop=\"logo\" itemscope itemtype=\"https:\/\/schema.org\/ImageObject\">\n\t\t\t\t<meta itemprop=\"url\" content=\"https:\/\/www.psib-psoe.org\/menorca\/wp-content\/themes\/notio-wp\/assets\/img\/logo.png\">\n\t\t\t<\/span>\n\t\t\t<meta itemprop=\"url\" content=\"https:\/\/www.psib-psoe.org\/menorca\/\">\n\t\t<\/span>\n\t\t\t\t<span class=\"hide\" itemprop=\"image\" itemscope itemtype=\"http:\/\/schema.org\/ImageObject\">\n\t\t\t<meta itemprop=\"url\" content=\"https:\/\/www.psib-psoe.org\/menorca\/wp-content\/uploads\/Mercadal-al-Congres.jpg\">\n\t\t\t<meta itemprop=\"width\" content=\"1366\">\n\t\t\t<meta itemprop=\"height\" content=\"2048\">\n\t\t<\/span>\n\t\t\t\t<meta itemscope itemprop=\"mainEntityOfPage\" itemtype=\"https:\/\/schema.org\/WebPage\" itemid=\"https:\/\/www.psib-psoe.org\/menorca\/protegir-el-futur-dels-catxalots-al-nord-de-menorca-per-pepe-mercadal\/\">\n\t<\/aside>\n\t\t<\/article>\n<\/div>\n<div class=\"small-12 large-4 columns\">\n\t<article itemscope itemtype=\"http:\/\/schema.org\/Article\" class=\"post blog-style7 alt post-26912 type-post status-publish format-standard has-post-thumbnail hentry category-federacio-de-menorca category-federacio-de-menorca-portada category-municipis category-portada\" role=\"article\">\n\t\t<figure class=\"post-gallery\"><img loading=\"lazy\" decoding=\"async\" width=\"600\" height=\"400\" src=\"https:\/\/www.psib-psoe.org\/menorca\/wp-content\/uploads\/DSC01706-600x400.jpg\" class=\"attachment-notio-general-x2 size-notio-general-x2 wp-post-image\" alt=\"\" srcset=\"https:\/\/www.psib-psoe.org\/menorca\/wp-content\/uploads\/DSC01706-600x400.jpg 600w, https:\/\/www.psib-psoe.org\/menorca\/wp-content\/uploads\/DSC01706-300x200.jpg 300w, https:\/\/www.psib-psoe.org\/menorca\/wp-content\/uploads\/DSC01706-1024x683.jpg 1024w, https:\/\/www.psib-psoe.org\/menorca\/wp-content\/uploads\/DSC01706-768x512.jpg 768w, https:\/\/www.psib-psoe.org\/menorca\/wp-content\/uploads\/DSC01706-1536x1024.jpg 1536w, https:\/\/www.psib-psoe.org\/menorca\/wp-content\/uploads\/DSC01706-2048x1365.jpg 2048w, https:\/\/www.psib-psoe.org\/menorca\/wp-content\/uploads\/DSC01706-150x100.jpg 150w, https:\/\/www.psib-psoe.org\/menorca\/wp-content\/uploads\/DSC01706-900x600.jpg 900w, https:\/\/www.psib-psoe.org\/menorca\/wp-content\/uploads\/DSC01706-20x13.jpg 20w\" sizes=\"(max-width: 600px) 100vw, 600px\" \/><\/figure>\n\t\t<div class=\"blog-top\">\n\t\t\t<header class=\"post-title entry-header\">\n\t\t\t\t<aside class=\"post-meta cf\">\n\t\t03\/04\/2025 \/ <a href=\"https:\/\/www.psib-psoe.org\/menorca\/category\/federacio-de-menorca\/\" rel=\"category tag\">Federaci\u00f3 de Menorca<\/a>, <a href=\"https:\/\/www.psib-psoe.org\/menorca\/category\/federacio-de-menorca-portada\/\" rel=\"category tag\">Federaci\u00f3 de Menorca - Portada<\/a>, <a href=\"https:\/\/www.psib-psoe.org\/menorca\/category\/municipis\/\" rel=\"category tag\">Municipis<\/a>, <a href=\"https:\/\/www.psib-psoe.org\/menorca\/category\/portada\/\" rel=\"category tag\">Portada<\/a><\/aside>\n\t\t\t\t<h3 itemprop=\"headline\"><a href=\"https:\/\/www.psib-psoe.org\/menorca\/la-candidatura-de-pepe-mercadal-a-secretari-general-del-psoe-menorca-ha-estat-lunica-que-sha-presentat\/\" title=\"La candidatura de Pepe Mercadal a secretari general del PSOE Menorca ha estat l&#8217;\u00fanica que s&#8217;ha presentat\">La candidatura de Pepe Mercadal a secretari general del PSOE Menorca ha estat l&#8217;\u00fanica que s&#8217;ha presentat<\/a><\/h3>\n\t\t\t<\/header>\n\t\t<\/div>\n\t\t<div class=\"post-content\">\n\t\t\t<a href=\"https:\/\/www.psib-psoe.org\/menorca\/la-candidatura-de-pepe-mercadal-a-secretari-general-del-psoe-menorca-ha-estat-lunica-que-sha-presentat\/\" class=\"more-link\">Read More<\/a>\n\t\t<\/div>\n\t\t\t<aside class=\"post-bottom-meta hide\">\n\t\t<strong rel=\"author\" itemprop=\"author\" class=\"author vcard\"><span class=\"fn\">PSOE Menorca<\/span><\/strong>\n\t\t<time class=\"date published time\" datetime=\"2025-04-03T11:08:56+02:00\" itemprop=\"datePublished\" content=\"2025-04-03T11:08:56+02:00\">03\/04\/2025<\/time>\n\t\t<meta itemprop=\"dateModified\" class=\"date updated\" content=\"2025-04-04T11:11:39+02:00\">\n\t\t<span class=\"hide\" itemprop=\"publisher\" itemscope itemtype=\"https:\/\/schema.org\/Organization\">\n\t\t\t<meta itemprop=\"name\" content=\"Federaci\u00f3 Socialista de Menorca\">\n\t\t\t<span itemprop=\"logo\" itemscope itemtype=\"https:\/\/schema.org\/ImageObject\">\n\t\t\t\t<meta itemprop=\"url\" content=\"https:\/\/www.psib-psoe.org\/menorca\/wp-content\/themes\/notio-wp\/assets\/img\/logo.png\">\n\t\t\t<\/span>\n\t\t\t<meta itemprop=\"url\" content=\"https:\/\/www.psib-psoe.org\/menorca\/\">\n\t\t<\/span>\n\t\t\t\t<span class=\"hide\" itemprop=\"image\" itemscope itemtype=\"http:\/\/schema.org\/ImageObject\">\n\t\t\t<meta itemprop=\"url\" content=\"https:\/\/www.psib-psoe.org\/menorca\/wp-content\/uploads\/DSC01706-scaled.jpg\">\n\t\t\t<meta itemprop=\"width\" content=\"2560\">\n\t\t\t<meta itemprop=\"height\" content=\"1707\">\n\t\t<\/span>\n\t\t\t\t<meta itemscope itemprop=\"mainEntityOfPage\" itemtype=\"https:\/\/schema.org\/WebPage\" itemid=\"https:\/\/www.psib-psoe.org\/menorca\/la-candidatura-de-pepe-mercadal-a-secretari-general-del-psoe-menorca-ha-estat-lunica-que-sha-presentat\/\">\n\t<\/aside>\n\t\t<\/article>\n<\/div>\n<div class=\"small-12 large-4 columns\">\n\t<article itemscope itemtype=\"http:\/\/schema.org\/Article\" class=\"post blog-style7 alt post-26907 type-post status-publish format-standard has-post-thumbnail hentry category-federacio-de-menorca category-federacio-de-menorca-portada category-municipis category-portada\" role=\"article\">\n\t\t<figure class=\"post-gallery\"><img loading=\"lazy\" decoding=\"async\" width=\"600\" height=\"400\" src=\"https:\/\/www.psib-psoe.org\/menorca\/wp-content\/uploads\/HECTOR-I-LLORENC-600x400.jpg\" class=\"attachment-notio-general-x2 size-notio-general-x2 wp-post-image\" alt=\"\" srcset=\"https:\/\/www.psib-psoe.org\/menorca\/wp-content\/uploads\/HECTOR-I-LLORENC-600x400.jpg 600w, https:\/\/www.psib-psoe.org\/menorca\/wp-content\/uploads\/HECTOR-I-LLORENC-300x200.jpg 300w, https:\/\/www.psib-psoe.org\/menorca\/wp-content\/uploads\/HECTOR-I-LLORENC-1024x683.jpg 1024w, https:\/\/www.psib-psoe.org\/menorca\/wp-content\/uploads\/HECTOR-I-LLORENC-768x512.jpg 768w, https:\/\/www.psib-psoe.org\/menorca\/wp-content\/uploads\/HECTOR-I-LLORENC-1536x1024.jpg 1536w, https:\/\/www.psib-psoe.org\/menorca\/wp-content\/uploads\/HECTOR-I-LLORENC-2048x1365.jpg 2048w, https:\/\/www.psib-psoe.org\/menorca\/wp-content\/uploads\/HECTOR-I-LLORENC-150x100.jpg 150w, https:\/\/www.psib-psoe.org\/menorca\/wp-content\/uploads\/HECTOR-I-LLORENC-900x600.jpg 900w, https:\/\/www.psib-psoe.org\/menorca\/wp-content\/uploads\/HECTOR-I-LLORENC-20x13.jpg 20w\" sizes=\"(max-width: 600px) 100vw, 600px\" \/><\/figure>\n\t\t<div class=\"blog-top\">\n\t\t\t<header class=\"post-title entry-header\">\n\t\t\t\t<aside class=\"post-meta cf\">\n\t\t25\/03\/2025 \/ <a href=\"https:\/\/www.psib-psoe.org\/menorca\/category\/federacio-de-menorca\/\" rel=\"category tag\">Federaci\u00f3 de Menorca<\/a>, <a href=\"https:\/\/www.psib-psoe.org\/menorca\/category\/federacio-de-menorca-portada\/\" rel=\"category tag\">Federaci\u00f3 de Menorca - Portada<\/a>, <a href=\"https:\/\/www.psib-psoe.org\/menorca\/category\/municipis\/\" rel=\"category tag\">Municipis<\/a>, <a href=\"https:\/\/www.psib-psoe.org\/menorca\/category\/portada\/\" rel=\"category tag\">Portada<\/a><\/aside>\n\t\t\t\t<h3 itemprop=\"headline\"><a href=\"https:\/\/www.psib-psoe.org\/menorca\/el-psoe-menorca-presentara-mocions-a-tots-els-ajuntaments-per-demanar-que-prohens-declari-menorca-com-a-zona-tensionada\/\" title=\"El PSOE Menorca presentar\u00e0 mocions a tots els ajuntaments per demanar que Prohens declari Menorca com a zona tensionada\">El PSOE Menorca presentar\u00e0 mocions a tots els ajuntaments per demanar que Prohens declari Menorca com a zona tensionada<\/a><\/h3>\n\t\t\t<\/header>\n\t\t<\/div>\n\t\t<div class=\"post-content\">\n\t\t\t<a href=\"https:\/\/www.psib-psoe.org\/menorca\/el-psoe-menorca-presentara-mocions-a-tots-els-ajuntaments-per-demanar-que-prohens-declari-menorca-com-a-zona-tensionada\/\" class=\"more-link\">Read More<\/a>\n\t\t<\/div>\n\t\t\t<aside class=\"post-bottom-meta hide\">\n\t\t<strong rel=\"author\" itemprop=\"author\" class=\"author vcard\"><span class=\"fn\">PSOE Menorca<\/span><\/strong>\n\t\t<time class=\"date published time\" datetime=\"2025-03-25T12:40:32+02:00\" itemprop=\"datePublished\" content=\"2025-03-25T12:40:32+02:00\">25\/03\/2025<\/time>\n\t\t<meta itemprop=\"dateModified\" class=\"date updated\" content=\"2025-03-25T17:08:02+02:00\">\n\t\t<span class=\"hide\" itemprop=\"publisher\" itemscope itemtype=\"https:\/\/schema.org\/Organization\">\n\t\t\t<meta itemprop=\"name\" content=\"Federaci\u00f3 Socialista de Menorca\">\n\t\t\t<span itemprop=\"logo\" itemscope itemtype=\"https:\/\/schema.org\/ImageObject\">\n\t\t\t\t<meta itemprop=\"url\" content=\"https:\/\/www.psib-psoe.org\/menorca\/wp-content\/themes\/notio-wp\/assets\/img\/logo.png\">\n\t\t\t<\/span>\n\t\t\t<meta itemprop=\"url\" content=\"https:\/\/www.psib-psoe.org\/menorca\/\">\n\t\t<\/span>\n\t\t\t\t<span class=\"hide\" itemprop=\"image\" itemscope itemtype=\"http:\/\/schema.org\/ImageObject\">\n\t\t\t<meta itemprop=\"url\" content=\"https:\/\/www.psib-psoe.org\/menorca\/wp-content\/uploads\/HECTOR-I-LLORENC-scaled.jpg\">\n\t\t\t<meta itemprop=\"width\" content=\"2560\">\n\t\t\t<meta itemprop=\"height\" content=\"1707\">\n\t\t<\/span>\n\t\t\t\t<meta itemscope itemprop=\"mainEntityOfPage\" itemtype=\"https:\/\/schema.org\/WebPage\" itemid=\"https:\/\/www.psib-psoe.org\/menorca\/el-psoe-menorca-presentara-mocions-a-tots-els-ajuntaments-per-demanar-que-prohens-declari-menorca-com-a-zona-tensionada\/\">\n\t<\/aside>\n\t\t<\/article>\n<\/div>\n<div class=\"small-12 large-4 columns\">\n\t<article itemscope itemtype=\"http:\/\/schema.org\/Article\" class=\"post blog-style7 alt post-26461 type-post status-publish format-standard has-post-thumbnail hentry category-federacio-de-menorca category-federacio-de-menorca-portada category-municipis category-portada\" role=\"article\">\n\t\t<figure class=\"post-gallery\"><img loading=\"lazy\" decoding=\"async\" width=\"600\" height=\"400\" src=\"https:\/\/www.psib-psoe.org\/menorca\/wp-content\/uploads\/Pons-Torrent-i-Borras-600x400.jpg\" class=\"attachment-notio-general-x2 size-notio-general-x2 wp-post-image\" alt=\"\" srcset=\"https:\/\/www.psib-psoe.org\/menorca\/wp-content\/uploads\/Pons-Torrent-i-Borras-600x400.jpg 600w, https:\/\/www.psib-psoe.org\/menorca\/wp-content\/uploads\/Pons-Torrent-i-Borras-300x200.jpg 300w, https:\/\/www.psib-psoe.org\/menorca\/wp-content\/uploads\/Pons-Torrent-i-Borras-900x600.jpg 900w, https:\/\/www.psib-psoe.org\/menorca\/wp-content\/uploads\/Pons-Torrent-i-Borras-20x13.jpg 20w\" sizes=\"(max-width: 600px) 100vw, 600px\" \/><\/figure>\n\t\t<div class=\"blog-top\">\n\t\t\t<header class=\"post-title entry-header\">\n\t\t\t\t<aside class=\"post-meta cf\">\n\t\t24\/10\/2023 \/ <a href=\"https:\/\/www.psib-psoe.org\/menorca\/category\/federacio-de-menorca\/\" rel=\"category tag\">Federaci\u00f3 de Menorca<\/a>, <a href=\"https:\/\/www.psib-psoe.org\/menorca\/category\/federacio-de-menorca-portada\/\" rel=\"category tag\">Federaci\u00f3 de Menorca - Portada<\/a>, <a href=\"https:\/\/www.psib-psoe.org\/menorca\/category\/municipis\/\" rel=\"category tag\">Municipis<\/a>, <a href=\"https:\/\/www.psib-psoe.org\/menorca\/category\/portada\/\" rel=\"category tag\">Portada<\/a><\/aside>\n\t\t\t\t<h3 itemprop=\"headline\"><a href=\"https:\/\/www.psib-psoe.org\/menorca\/el-psoe-menorca-acusa-el-partit-popular-de-mentir-sobre-el-decret-llei-i-li-demana-que-torni-al-seny\/\" title=\"El PSOE Menorca acusa el Partit Popular de mentir sobre el Decret Llei i li demana que torni al seny\">El PSOE Menorca acusa el Partit Popular de mentir sobre el Decret Llei i li demana que torni al seny<\/a><\/h3>\n\t\t\t<\/header>\n\t\t<\/div>\n\t\t<div class=\"post-content\">\n\t\t\t<a href=\"https:\/\/www.psib-psoe.org\/menorca\/el-psoe-menorca-acusa-el-partit-popular-de-mentir-sobre-el-decret-llei-i-li-demana-que-torni-al-seny\/\" class=\"more-link\">Read More<\/a>\n\t\t<\/div>\n\t\t\t<aside class=\"post-bottom-meta hide\">\n\t\t<strong rel=\"author\" itemprop=\"author\" class=\"author vcard\"><span class=\"fn\">PSOE Menorca<\/span><\/strong>\n\t\t<time class=\"date published time\" datetime=\"2023-10-24T11:24:41+02:00\" itemprop=\"datePublished\" content=\"2023-10-24T11:24:41+02:00\">24\/10\/2023<\/time>\n\t\t<meta itemprop=\"dateModified\" class=\"date updated\" content=\"2023-10-24T11:24:41+02:00\">\n\t\t<span class=\"hide\" itemprop=\"publisher\" itemscope itemtype=\"https:\/\/schema.org\/Organization\">\n\t\t\t<meta itemprop=\"name\" content=\"Federaci\u00f3 Socialista de Menorca\">\n\t\t\t<span itemprop=\"logo\" itemscope itemtype=\"https:\/\/schema.org\/ImageObject\">\n\t\t\t\t<meta itemprop=\"url\" content=\"https:\/\/www.psib-psoe.org\/menorca\/wp-content\/themes\/notio-wp\/assets\/img\/logo.png\">\n\t\t\t<\/span>\n\t\t\t<meta itemprop=\"url\" content=\"https:\/\/www.psib-psoe.org\/menorca\/\">\n\t\t<\/span>\n\t\t\t\t<span class=\"hide\" itemprop=\"image\" itemscope itemtype=\"http:\/\/schema.org\/ImageObject\">\n\t\t\t<meta itemprop=\"url\" content=\"https:\/\/www.psib-psoe.org\/menorca\/wp-content\/uploads\/Pons-Torrent-i-Borras-scaled.jpg\">\n\t\t\t<meta itemprop=\"width\" content=\"2560\">\n\t\t\t<meta itemprop=\"height\" content=\"2032\">\n\t\t<\/span>\n\t\t\t\t<meta itemscope itemprop=\"mainEntityOfPage\" itemtype=\"https:\/\/schema.org\/WebPage\" itemid=\"https:\/\/www.psib-psoe.org\/menorca\/el-psoe-menorca-acusa-el-partit-popular-de-mentir-sobre-el-decret-llei-i-li-demana-que-torni-al-seny\/\">\n\t<\/aside>\n\t\t<\/article>\n<\/div>\n<div class=\"small-12 large-4 columns\">\n\t<article itemscope itemtype=\"http:\/\/schema.org\/Article\" class=\"post blog-style7 alt post-26458 type-post status-publish format-standard has-post-thumbnail hentry category-federacio-de-menorca category-federacio-de-menorca-portada category-municipis category-portada\" role=\"article\">\n\t\t<figure class=\"post-gallery\"><img loading=\"lazy\" decoding=\"async\" width=\"600\" height=\"400\" src=\"https:\/\/www.psib-psoe.org\/menorca\/wp-content\/uploads\/Projecte-Mila-600x400.jpg\" class=\"attachment-notio-general-x2 size-notio-general-x2 wp-post-image\" alt=\"\" srcset=\"https:\/\/www.psib-psoe.org\/menorca\/wp-content\/uploads\/Projecte-Mila-600x400.jpg 600w, https:\/\/www.psib-psoe.org\/menorca\/wp-content\/uploads\/Projecte-Mila-300x200.jpg 300w, https:\/\/www.psib-psoe.org\/menorca\/wp-content\/uploads\/Projecte-Mila-900x600.jpg 900w, https:\/\/www.psib-psoe.org\/menorca\/wp-content\/uploads\/Projecte-Mila-20x13.jpg 20w\" sizes=\"(max-width: 600px) 100vw, 600px\" \/><\/figure>\n\t\t<div class=\"blog-top\">\n\t\t\t<header class=\"post-title entry-header\">\n\t\t\t\t<aside class=\"post-meta cf\">\n\t\t20\/10\/2023 \/ <a href=\"https:\/\/www.psib-psoe.org\/menorca\/category\/federacio-de-menorca\/\" rel=\"category tag\">Federaci\u00f3 de Menorca<\/a>, <a href=\"https:\/\/www.psib-psoe.org\/menorca\/category\/federacio-de-menorca-portada\/\" rel=\"category tag\">Federaci\u00f3 de Menorca - Portada<\/a>, <a href=\"https:\/\/www.psib-psoe.org\/menorca\/category\/municipis\/\" rel=\"category tag\">Municipis<\/a>, <a href=\"https:\/\/www.psib-psoe.org\/menorca\/category\/portada\/\" rel=\"category tag\">Portada<\/a><\/aside>\n\t\t\t\t<h3 itemprop=\"headline\"><a href=\"https:\/\/www.psib-psoe.org\/menorca\/el-psoe-menorca-acusa-el-pp-demprar-excuses-per-haver-deixat-perdre-el-projecte-de-mila-i-critica-que-no-creu-en-la-transicio-energetica-de-menorca\/\" title=\"El PSOE Menorca acusa el PP d&#8217;emprar excuses per haver deixat perdre el projecte de Mil\u00e0 i critica que no creu en la transici\u00f3 energ\u00e8tica de Menorca\">El PSOE Menorca acusa el PP d&#8217;emprar excuses per haver deixat perdre el projecte de Mil\u00e0 i critica que no creu en la transici\u00f3 energ\u00e8tica de Menorca<\/a><\/h3>\n\t\t\t<\/header>\n\t\t<\/div>\n\t\t<div class=\"post-content\">\n\t\t\t<a href=\"https:\/\/www.psib-psoe.org\/menorca\/el-psoe-menorca-acusa-el-pp-demprar-excuses-per-haver-deixat-perdre-el-projecte-de-mila-i-critica-que-no-creu-en-la-transicio-energetica-de-menorca\/\" class=\"more-link\">Read More<\/a>\n\t\t<\/div>\n\t\t\t<aside class=\"post-bottom-meta hide\">\n\t\t<strong rel=\"author\" itemprop=\"author\" class=\"author vcard\"><span class=\"fn\">PSOE Menorca<\/span><\/strong>\n\t\t<time class=\"date published time\" datetime=\"2023-10-20T16:28:19+02:00\" itemprop=\"datePublished\" content=\"2023-10-20T16:28:19+02:00\">20\/10\/2023<\/time>\n\t\t<meta itemprop=\"dateModified\" class=\"date updated\" content=\"2023-10-20T16:28:19+02:00\">\n\t\t<span class=\"hide\" itemprop=\"publisher\" itemscope itemtype=\"https:\/\/schema.org\/Organization\">\n\t\t\t<meta itemprop=\"name\" content=\"Federaci\u00f3 Socialista de Menorca\">\n\t\t\t<span itemprop=\"logo\" itemscope itemtype=\"https:\/\/schema.org\/ImageObject\">\n\t\t\t\t<meta itemprop=\"url\" content=\"https:\/\/www.psib-psoe.org\/menorca\/wp-content\/themes\/notio-wp\/assets\/img\/logo.png\">\n\t\t\t<\/span>\n\t\t\t<meta itemprop=\"url\" content=\"https:\/\/www.psib-psoe.org\/menorca\/\">\n\t\t<\/span>\n\t\t\t\t<span class=\"hide\" itemprop=\"image\" itemscope itemtype=\"http:\/\/schema.org\/ImageObject\">\n\t\t\t<meta itemprop=\"url\" content=\"https:\/\/www.psib-psoe.org\/menorca\/wp-content\/uploads\/Projecte-Mila-scaled.jpg\">\n\t\t\t<meta itemprop=\"width\" content=\"2560\">\n\t\t\t<meta itemprop=\"height\" content=\"1920\">\n\t\t<\/span>\n\t\t\t\t<meta itemscope itemprop=\"mainEntityOfPage\" itemtype=\"https:\/\/schema.org\/WebPage\" itemid=\"https:\/\/www.psib-psoe.org\/menorca\/el-psoe-menorca-acusa-el-pp-demprar-excuses-per-haver-deixat-perdre-el-projecte-de-mila-i-critica-que-no-creu-en-la-transicio-energetica-de-menorca\/\">\n\t<\/aside>\n\t\t<\/article>\n<\/div>\n<div class=\"small-12 large-4 columns\">\n\t<article itemscope itemtype=\"http:\/\/schema.org\/Article\" class=\"post blog-style7 alt post-26456 type-post status-publish format-standard hentry category-federacio-de-menorca category-federacio-de-menorca-portada category-municipis category-portada\" role=\"article\">\n\t\t<figure class=\"post-gallery\"><\/figure>\n\t\t<div class=\"blog-top\">\n\t\t\t<header class=\"post-title entry-header\">\n\t\t\t\t<aside class=\"post-meta cf\">\n\t\t17\/10\/2023 \/ <a href=\"https:\/\/www.psib-psoe.org\/menorca\/category\/federacio-de-menorca\/\" rel=\"category tag\">Federaci\u00f3 de Menorca<\/a>, <a href=\"https:\/\/www.psib-psoe.org\/menorca\/category\/federacio-de-menorca-portada\/\" rel=\"category tag\">Federaci\u00f3 de Menorca - Portada<\/a>, <a href=\"https:\/\/www.psib-psoe.org\/menorca\/category\/municipis\/\" rel=\"category tag\">Municipis<\/a>, <a href=\"https:\/\/www.psib-psoe.org\/menorca\/category\/portada\/\" rel=\"category tag\">Portada<\/a><\/aside>\n\t\t\t\t<h3 itemprop=\"headline\"><a href=\"https:\/\/www.psib-psoe.org\/menorca\/el-psoe-menorca-critica-la-decisio-del-consell-de-substituir-la-fira-del-llibre-en-catala-per-la-dautors-menorquins\/\" title=\"El PSOE Menorca critica la decisi\u00f3 del Consell de substituir la Fira del Llibre en Catal\u00e0 per la d&#8217;autors menorquins\">El PSOE Menorca critica la decisi\u00f3 del Consell de substituir la Fira del Llibre en Catal\u00e0 per la d&#8217;autors menorquins<\/a><\/h3>\n\t\t\t<\/header>\n\t\t<\/div>\n\t\t<div class=\"post-content\">\n\t\t\t<a href=\"https:\/\/www.psib-psoe.org\/menorca\/el-psoe-menorca-critica-la-decisio-del-consell-de-substituir-la-fira-del-llibre-en-catala-per-la-dautors-menorquins\/\" class=\"more-link\">Read More<\/a>\n\t\t<\/div>\n\t\t\t<aside class=\"post-bottom-meta hide\">\n\t\t<strong rel=\"author\" itemprop=\"author\" class=\"author vcard\"><span class=\"fn\">PSOE Menorca<\/span><\/strong>\n\t\t<time class=\"date published time\" datetime=\"2023-10-17T12:03:18+02:00\" itemprop=\"datePublished\" content=\"2023-10-17T12:03:18+02:00\">17\/10\/2023<\/time>\n\t\t<meta itemprop=\"dateModified\" class=\"date updated\" content=\"2023-10-17T12:03:18+02:00\">\n\t\t<span class=\"hide\" itemprop=\"publisher\" itemscope itemtype=\"https:\/\/schema.org\/Organization\">\n\t\t\t<meta itemprop=\"name\" content=\"Federaci\u00f3 Socialista de Menorca\">\n\t\t\t<span itemprop=\"logo\" itemscope itemtype=\"https:\/\/schema.org\/ImageObject\">\n\t\t\t\t<meta itemprop=\"url\" content=\"https:\/\/www.psib-psoe.org\/menorca\/wp-content\/themes\/notio-wp\/assets\/img\/logo.png\">\n\t\t\t<\/span>\n\t\t\t<meta itemprop=\"url\" content=\"https:\/\/www.psib-psoe.org\/menorca\/\">\n\t\t<\/span>\n\t\t\t\t<meta itemscope itemprop=\"mainEntityOfPage\" itemtype=\"https:\/\/schema.org\/WebPage\" itemid=\"https:\/\/www.psib-psoe.org\/menorca\/el-psoe-menorca-critica-la-decisio-del-consell-de-substituir-la-fira-del-llibre-en-catala-per-la-dautors-menorquins\/\">\n\t<\/aside>\n\t\t<\/article>\n<\/div>\n<div class=\"small-12 large-4 columns\">\n\t<article itemscope itemtype=\"http:\/\/schema.org\/Article\" class=\"post blog-style7 alt post-26452 type-post status-publish format-standard has-post-thumbnail hentry category-federacio-de-menorca category-federacio-de-menorca-portada category-municipis category-portada\" role=\"article\">\n\t\t<figure class=\"post-gallery\"><img loading=\"lazy\" decoding=\"async\" width=\"600\" height=\"400\" src=\"https:\/\/www.psib-psoe.org\/menorca\/wp-content\/uploads\/Torrent-i-Carbonero-600x400.jpeg\" class=\"attachment-notio-general-x2 size-notio-general-x2 wp-post-image\" alt=\"\" srcset=\"https:\/\/www.psib-psoe.org\/menorca\/wp-content\/uploads\/Torrent-i-Carbonero-600x400.jpeg 600w, https:\/\/www.psib-psoe.org\/menorca\/wp-content\/uploads\/Torrent-i-Carbonero-300x200.jpeg 300w, https:\/\/www.psib-psoe.org\/menorca\/wp-content\/uploads\/Torrent-i-Carbonero-20x13.jpeg 20w\" sizes=\"(max-width: 600px) 100vw, 600px\" \/><\/figure>\n\t\t<div class=\"blog-top\">\n\t\t\t<header class=\"post-title entry-header\">\n\t\t\t\t<aside class=\"post-meta cf\">\n\t\t13\/10\/2023 \/ <a href=\"https:\/\/www.psib-psoe.org\/menorca\/category\/federacio-de-menorca\/\" rel=\"category tag\">Federaci\u00f3 de Menorca<\/a>, <a href=\"https:\/\/www.psib-psoe.org\/menorca\/category\/federacio-de-menorca-portada\/\" rel=\"category tag\">Federaci\u00f3 de Menorca - Portada<\/a>, <a href=\"https:\/\/www.psib-psoe.org\/menorca\/category\/municipis\/\" rel=\"category tag\">Municipis<\/a>, <a href=\"https:\/\/www.psib-psoe.org\/menorca\/category\/portada\/\" rel=\"category tag\">Portada<\/a><\/aside>\n\t\t\t\t<h3 itemprop=\"headline\"><a href=\"https:\/\/www.psib-psoe.org\/menorca\/el-psoe-menorca-considera-un-desproposit-el-tancament-de-loficina-anticorrupcio-una-falta-respecte-cap-els-ciutadans-i-de-transparencia-cap-a-les-institucions\/\" title=\"El PSOE Menorca considera un desprop\u00f2sit el tancament de l&#8217;Oficina Anticorrupci\u00f3, una falta respecte cap els ciutadans i de transpar\u00e8ncia cap a les institucions\">El PSOE Menorca considera un desprop\u00f2sit el tancament de l&#8217;Oficina Anticorrupci\u00f3, una falta respecte cap els ciutadans i de transpar\u00e8ncia cap a les institucions<\/a><\/h3>\n\t\t\t<\/header>\n\t\t<\/div>\n\t\t<div class=\"post-content\">\n\t\t\t<a href=\"https:\/\/www.psib-psoe.org\/menorca\/el-psoe-menorca-considera-un-desproposit-el-tancament-de-loficina-anticorrupcio-una-falta-respecte-cap-els-ciutadans-i-de-transparencia-cap-a-les-institucions\/\" class=\"more-link\">Read More<\/a>\n\t\t<\/div>\n\t\t\t<aside class=\"post-bottom-meta hide\">\n\t\t<strong rel=\"author\" itemprop=\"author\" class=\"author vcard\"><span class=\"fn\">PSOE Menorca<\/span><\/strong>\n\t\t<time class=\"date published time\" datetime=\"2023-10-13T09:00:08+02:00\" itemprop=\"datePublished\" content=\"2023-10-13T09:00:08+02:00\">13\/10\/2023<\/time>\n\t\t<meta itemprop=\"dateModified\" class=\"date updated\" content=\"2023-10-16T10:27:42+02:00\">\n\t\t<span class=\"hide\" itemprop=\"publisher\" itemscope itemtype=\"https:\/\/schema.org\/Organization\">\n\t\t\t<meta itemprop=\"name\" content=\"Federaci\u00f3 Socialista de Menorca\">\n\t\t\t<span itemprop=\"logo\" itemscope itemtype=\"https:\/\/schema.org\/ImageObject\">\n\t\t\t\t<meta itemprop=\"url\" content=\"https:\/\/www.psib-psoe.org\/menorca\/wp-content\/themes\/notio-wp\/assets\/img\/logo.png\">\n\t\t\t<\/span>\n\t\t\t<meta itemprop=\"url\" content=\"https:\/\/www.psib-psoe.org\/menorca\/\">\n\t\t<\/span>\n\t\t\t\t<span class=\"hide\" itemprop=\"image\" itemscope itemtype=\"http:\/\/schema.org\/ImageObject\">\n\t\t\t<meta itemprop=\"url\" content=\"https:\/\/www.psib-psoe.org\/menorca\/wp-content\/uploads\/Torrent-i-Carbonero.jpeg\">\n\t\t\t<meta itemprop=\"width\" content=\"768\">\n\t\t\t<meta itemprop=\"height\" content=\"1024\">\n\t\t<\/span>\n\t\t\t\t<meta itemscope itemprop=\"mainEntityOfPage\" itemtype=\"https:\/\/schema.org\/WebPage\" itemid=\"https:\/\/www.psib-psoe.org\/menorca\/el-psoe-menorca-considera-un-desproposit-el-tancament-de-loficina-anticorrupcio-una-falta-respecte-cap-els-ciutadans-i-de-transparencia-cap-a-les-institucions\/\">\n\t<\/aside>\n\t\t<\/article>\n<\/div>\n<div class=\"small-12 large-4 columns\">\n\t<article itemscope itemtype=\"http:\/\/schema.org\/Article\" class=\"post blog-style7 alt post-26449 type-post status-publish format-standard has-post-thumbnail hentry category-federacio-de-menorca category-federacio-de-menorca-portada category-municipis category-portada\" role=\"article\">\n\t\t<figure class=\"post-gallery\"><img loading=\"lazy\" decoding=\"async\" width=\"600\" height=\"400\" src=\"https:\/\/www.psib-psoe.org\/menorca\/wp-content\/uploads\/Pepe-Mercadal-al-CIMe-600x400.jpeg\" class=\"attachment-notio-general-x2 size-notio-general-x2 wp-post-image\" alt=\"\" srcset=\"https:\/\/www.psib-psoe.org\/menorca\/wp-content\/uploads\/Pepe-Mercadal-al-CIMe-600x400.jpeg 600w, https:\/\/www.psib-psoe.org\/menorca\/wp-content\/uploads\/Pepe-Mercadal-al-CIMe-300x200.jpeg 300w, https:\/\/www.psib-psoe.org\/menorca\/wp-content\/uploads\/Pepe-Mercadal-al-CIMe-900x600.jpeg 900w, https:\/\/www.psib-psoe.org\/menorca\/wp-content\/uploads\/Pepe-Mercadal-al-CIMe-20x13.jpeg 20w\" sizes=\"(max-width: 600px) 100vw, 600px\" \/><\/figure>\n\t\t<div class=\"blog-top\">\n\t\t\t<header class=\"post-title entry-header\">\n\t\t\t\t<aside class=\"post-meta cf\">\n\t\t10\/10\/2023 \/ <a href=\"https:\/\/www.psib-psoe.org\/menorca\/category\/federacio-de-menorca\/\" rel=\"category tag\">Federaci\u00f3 de Menorca<\/a>, <a href=\"https:\/\/www.psib-psoe.org\/menorca\/category\/federacio-de-menorca-portada\/\" rel=\"category tag\">Federaci\u00f3 de Menorca - Portada<\/a>, <a href=\"https:\/\/www.psib-psoe.org\/menorca\/category\/municipis\/\" rel=\"category tag\">Municipis<\/a>, <a href=\"https:\/\/www.psib-psoe.org\/menorca\/category\/portada\/\" rel=\"category tag\">Portada<\/a><\/aside>\n\t\t\t\t<h3 itemprop=\"headline\"><a href=\"https:\/\/www.psib-psoe.org\/menorca\/pepe-mercadal-ha-traslladat-a-vilafranca-la-voluntat-del-psoe-de-formar-govern-estable-a-espanya-que-tengui-en-compte-els-drets-dels-menorquins\/\" title=\"Pepe Mercadal ha traslladat a Vilafranca la voluntat del PSOE de formar Govern estable a Espanya que tengui en compte els drets dels menorquins\">Pepe Mercadal ha traslladat a Vilafranca la voluntat del PSOE de formar Govern estable a Espanya que tengui en compte els drets dels menorquins<\/a><\/h3>\n\t\t\t<\/header>\n\t\t<\/div>\n\t\t<div class=\"post-content\">\n\t\t\t<a href=\"https:\/\/www.psib-psoe.org\/menorca\/pepe-mercadal-ha-traslladat-a-vilafranca-la-voluntat-del-psoe-de-formar-govern-estable-a-espanya-que-tengui-en-compte-els-drets-dels-menorquins\/\" class=\"more-link\">Read More<\/a>\n\t\t<\/div>\n\t\t\t<aside class=\"post-bottom-meta hide\">\n\t\t<strong rel=\"author\" itemprop=\"author\" class=\"author vcard\"><span class=\"fn\">PSOE Menorca<\/span><\/strong>\n\t\t<time class=\"date published time\" datetime=\"2023-10-10T12:46:52+02:00\" itemprop=\"datePublished\" content=\"2023-10-10T12:46:52+02:00\">10\/10\/2023<\/time>\n\t\t<meta itemprop=\"dateModified\" class=\"date updated\" content=\"2023-10-10T12:46:52+02:00\">\n\t\t<span class=\"hide\" itemprop=\"publisher\" itemscope itemtype=\"https:\/\/schema.org\/Organization\">\n\t\t\t<meta itemprop=\"name\" content=\"Federaci\u00f3 Socialista de Menorca\">\n\t\t\t<span itemprop=\"logo\" itemscope itemtype=\"https:\/\/schema.org\/ImageObject\">\n\t\t\t\t<meta itemprop=\"url\" content=\"https:\/\/www.psib-psoe.org\/menorca\/wp-content\/themes\/notio-wp\/assets\/img\/logo.png\">\n\t\t\t<\/span>\n\t\t\t<meta itemprop=\"url\" content=\"https:\/\/www.psib-psoe.org\/menorca\/\">\n\t\t<\/span>\n\t\t\t\t<span class=\"hide\" itemprop=\"image\" itemscope itemtype=\"http:\/\/schema.org\/ImageObject\">\n\t\t\t<meta itemprop=\"url\" content=\"https:\/\/www.psib-psoe.org\/menorca\/wp-content\/uploads\/Pepe-Mercadal-al-CIMe.jpeg\">\n\t\t\t<meta itemprop=\"width\" content=\"1024\">\n\t\t\t<meta itemprop=\"height\" content=\"768\">\n\t\t<\/span>\n\t\t\t\t<meta itemscope itemprop=\"mainEntityOfPage\" itemtype=\"https:\/\/schema.org\/WebPage\" itemid=\"https:\/\/www.psib-psoe.org\/menorca\/pepe-mercadal-ha-traslladat-a-vilafranca-la-voluntat-del-psoe-de-formar-govern-estable-a-espanya-que-tengui-en-compte-els-drets-dels-menorquins\/\">\n\t<\/aside>\n\t\t<\/article>\n<\/div>\n<div class=\"small-12 large-4 columns\">\n\t<article itemscope itemtype=\"http:\/\/schema.org\/Article\" class=\"post blog-style7 alt post-26447 type-post status-publish format-standard hentry category-federacio-de-menorca category-federacio-de-menorca-portada category-municipis category-portada\" role=\"article\">\n\t\t<figure class=\"post-gallery\"><\/figure>\n\t\t<div class=\"blog-top\">\n\t\t\t<header class=\"post-title entry-header\">\n\t\t\t\t<aside class=\"post-meta cf\">\n\t\t10\/10\/2023 \/ <a href=\"https:\/\/www.psib-psoe.org\/menorca\/category\/federacio-de-menorca\/\" rel=\"category tag\">Federaci\u00f3 de Menorca<\/a>, <a href=\"https:\/\/www.psib-psoe.org\/menorca\/category\/federacio-de-menorca-portada\/\" rel=\"category tag\">Federaci\u00f3 de Menorca - Portada<\/a>, <a href=\"https:\/\/www.psib-psoe.org\/menorca\/category\/municipis\/\" rel=\"category tag\">Municipis<\/a>, <a href=\"https:\/\/www.psib-psoe.org\/menorca\/category\/portada\/\" rel=\"category tag\">Portada<\/a><\/aside>\n\t\t\t\t<h3 itemprop=\"headline\"><a href=\"https:\/\/www.psib-psoe.org\/menorca\/el-psoe-menorca-critica-que-el-consell-insular-prioritzi-el-reforc-de-lautobus-expres-entre-mao-i-ciutadella-i-elimini-una-linia-regular-amb-aturada-a-tots-els-pobles\/\" title=\"El PSOE Menorca critica que el Consell Insular prioritzi el refor\u00e7 de l&#8217;autob\u00fas expr\u00e9s entre Ma\u00f3 i Ciutadella i elimini una l\u00ednia regular amb aturada a tots els pobles\">El PSOE Menorca critica que el Consell Insular prioritzi el refor\u00e7 de l&#8217;autob\u00fas expr\u00e9s entre Ma\u00f3 i Ciutadella i elimini una l\u00ednia regular amb aturada a tots els pobles<\/a><\/h3>\n\t\t\t<\/header>\n\t\t<\/div>\n\t\t<div class=\"post-content\">\n\t\t\t<a href=\"https:\/\/www.psib-psoe.org\/menorca\/el-psoe-menorca-critica-que-el-consell-insular-prioritzi-el-reforc-de-lautobus-expres-entre-mao-i-ciutadella-i-elimini-una-linia-regular-amb-aturada-a-tots-els-pobles\/\" class=\"more-link\">Read More<\/a>\n\t\t<\/div>\n\t\t\t<aside class=\"post-bottom-meta hide\">\n\t\t<strong rel=\"author\" itemprop=\"author\" class=\"author vcard\"><span class=\"fn\">PSOE Menorca<\/span><\/strong>\n\t\t<time class=\"date published time\" datetime=\"2023-10-10T09:39:41+02:00\" itemprop=\"datePublished\" content=\"2023-10-10T09:39:41+02:00\">10\/10\/2023<\/time>\n\t\t<meta itemprop=\"dateModified\" class=\"date updated\" content=\"2023-10-10T09:39:41+02:00\">\n\t\t<span class=\"hide\" itemprop=\"publisher\" itemscope itemtype=\"https:\/\/schema.org\/Organization\">\n\t\t\t<meta itemprop=\"name\" content=\"Federaci\u00f3 Socialista de Menorca\">\n\t\t\t<span itemprop=\"logo\" itemscope itemtype=\"https:\/\/schema.org\/ImageObject\">\n\t\t\t\t<meta itemprop=\"url\" content=\"https:\/\/www.psib-psoe.org\/menorca\/wp-content\/themes\/notio-wp\/assets\/img\/logo.png\">\n\t\t\t<\/span>\n\t\t\t<meta itemprop=\"url\" content=\"https:\/\/www.psib-psoe.org\/menorca\/\">\n\t\t<\/span>\n\t\t\t\t<meta itemscope itemprop=\"mainEntityOfPage\" itemtype=\"https:\/\/schema.org\/WebPage\" itemid=\"https:\/\/www.psib-psoe.org\/menorca\/el-psoe-menorca-critica-que-el-consell-insular-prioritzi-el-reforc-de-lautobus-expres-entre-mao-i-ciutadella-i-elimini-una-linia-regular-amb-aturada-a-tots-els-pobles\/\">\n\t<\/aside>\n\t\t<\/article>\n<\/div>\n<div class=\"small-12 large-4 columns\">\n\t<article itemscope itemtype=\"http:\/\/schema.org\/Article\" class=\"post blog-style7 alt post-26443 type-post status-publish format-standard has-post-thumbnail hentry category-federacio-de-menorca category-federacio-de-menorca-portada category-municipis category-portada\" role=\"article\">\n\t\t<figure class=\"post-gallery\"><img loading=\"lazy\" decoding=\"async\" width=\"600\" height=\"400\" src=\"https:\/\/www.psib-psoe.org\/menorca\/wp-content\/uploads\/Pons-i-Torrent-600x400.jpg\" class=\"attachment-notio-general-x2 size-notio-general-x2 wp-post-image\" alt=\"\" srcset=\"https:\/\/www.psib-psoe.org\/menorca\/wp-content\/uploads\/Pons-i-Torrent-600x400.jpg 600w, https:\/\/www.psib-psoe.org\/menorca\/wp-content\/uploads\/Pons-i-Torrent-300x200.jpg 300w, https:\/\/www.psib-psoe.org\/menorca\/wp-content\/uploads\/Pons-i-Torrent-900x600.jpg 900w, https:\/\/www.psib-psoe.org\/menorca\/wp-content\/uploads\/Pons-i-Torrent-20x13.jpg 20w\" sizes=\"(max-width: 600px) 100vw, 600px\" \/><\/figure>\n\t\t<div class=\"blog-top\">\n\t\t\t<header class=\"post-title entry-header\">\n\t\t\t\t<aside class=\"post-meta cf\">\n\t\t06\/10\/2023 \/ <a href=\"https:\/\/www.psib-psoe.org\/menorca\/category\/federacio-de-menorca\/\" rel=\"category tag\">Federaci\u00f3 de Menorca<\/a>, <a href=\"https:\/\/www.psib-psoe.org\/menorca\/category\/federacio-de-menorca-portada\/\" rel=\"category tag\">Federaci\u00f3 de Menorca - Portada<\/a>, <a href=\"https:\/\/www.psib-psoe.org\/menorca\/category\/municipis\/\" rel=\"category tag\">Municipis<\/a>, <a href=\"https:\/\/www.psib-psoe.org\/menorca\/category\/portada\/\" rel=\"category tag\">Portada<\/a><\/aside>\n\t\t\t\t<h3 itemprop=\"headline\"><a href=\"https:\/\/www.psib-psoe.org\/menorca\/el-psoe-demana-al-pp-que-paralitzi-el-decret-llei-dhabitatge-i-obri-un-proces-de-dialeg-i-acord-amb-els-consells-insulars-i-ajuntaments\/\" title=\"El PSOE demana al PP que paralitzi el Decret Llei d&#8217;habitatge i obri un  proc\u00e9s de di\u00e0leg i acord amb els Consells Insulars i ajuntaments\">El PSOE demana al PP que paralitzi el Decret Llei d&#8217;habitatge i obri un  proc\u00e9s de di\u00e0leg i acord amb els Consells Insulars i ajuntaments<\/a><\/h3>\n\t\t\t<\/header>\n\t\t<\/div>\n\t\t<div class=\"post-content\">\n\t\t\t<a href=\"https:\/\/www.psib-psoe.org\/menorca\/el-psoe-demana-al-pp-que-paralitzi-el-decret-llei-dhabitatge-i-obri-un-proces-de-dialeg-i-acord-amb-els-consells-insulars-i-ajuntaments\/\" class=\"more-link\">Read More<\/a>\n\t\t<\/div>\n\t\t\t<aside class=\"post-bottom-meta hide\">\n\t\t<strong rel=\"author\" itemprop=\"author\" class=\"author vcard\"><span class=\"fn\">PSOE Menorca<\/span><\/strong>\n\t\t<time class=\"date published time\" datetime=\"2023-10-06T16:17:06+02:00\" itemprop=\"datePublished\" content=\"2023-10-06T16:17:06+02:00\">06\/10\/2023<\/time>\n\t\t<meta itemprop=\"dateModified\" class=\"date updated\" content=\"2023-10-06T16:17:06+02:00\">\n\t\t<span class=\"hide\" itemprop=\"publisher\" itemscope itemtype=\"https:\/\/schema.org\/Organization\">\n\t\t\t<meta itemprop=\"name\" content=\"Federaci\u00f3 Socialista de Menorca\">\n\t\t\t<span itemprop=\"logo\" itemscope itemtype=\"https:\/\/schema.org\/ImageObject\">\n\t\t\t\t<meta itemprop=\"url\" content=\"https:\/\/www.psib-psoe.org\/menorca\/wp-content\/themes\/notio-wp\/assets\/img\/logo.png\">\n\t\t\t<\/span>\n\t\t\t<meta itemprop=\"url\" content=\"https:\/\/www.psib-psoe.org\/menorca\/\">\n\t\t<\/span>\n\t\t\t\t<span class=\"hide\" itemprop=\"image\" itemscope itemtype=\"http:\/\/schema.org\/ImageObject\">\n\t\t\t<meta itemprop=\"url\" content=\"https:\/\/www.psib-psoe.org\/menorca\/wp-content\/uploads\/Pons-i-Torrent-scaled.jpg\">\n\t\t\t<meta itemprop=\"width\" content=\"2560\">\n\t\t\t<meta itemprop=\"height\" content=\"2082\">\n\t\t<\/span>\n\t\t\t\t<meta itemscope itemprop=\"mainEntityOfPage\" itemtype=\"https:\/\/schema.org\/WebPage\" itemid=\"https:\/\/www.psib-psoe.org\/menorca\/el-psoe-demana-al-pp-que-paralitzi-el-decret-llei-dhabitatge-i-obri-un-proces-de-dialeg-i-acord-amb-els-consells-insulars-i-ajuntaments\/\">\n\t<\/aside>\n\t\t<\/article>\n<\/div>\n<div class=\"small-12 large-4 columns\">\n\t<article itemscope itemtype=\"http:\/\/schema.org\/Article\" class=\"post blog-style7 alt post-26441 type-post status-publish format-standard hentry category-federacio-de-menorca category-federacio-de-menorca-portada category-municipis category-portada\" role=\"article\">\n\t\t<figure class=\"post-gallery\"><\/figure>\n\t\t<div class=\"blog-top\">\n\t\t\t<header class=\"post-title entry-header\">\n\t\t\t\t<aside class=\"post-meta cf\">\n\t\t02\/10\/2023 \/ <a href=\"https:\/\/www.psib-psoe.org\/menorca\/category\/federacio-de-menorca\/\" rel=\"category tag\">Federaci\u00f3 de Menorca<\/a>, <a href=\"https:\/\/www.psib-psoe.org\/menorca\/category\/federacio-de-menorca-portada\/\" rel=\"category tag\">Federaci\u00f3 de Menorca - Portada<\/a>, <a href=\"https:\/\/www.psib-psoe.org\/menorca\/category\/municipis\/\" rel=\"category tag\">Municipis<\/a>, <a href=\"https:\/\/www.psib-psoe.org\/menorca\/category\/portada\/\" rel=\"category tag\">Portada<\/a><\/aside>\n\t\t\t\t<h3 itemprop=\"headline\"><a href=\"https:\/\/www.psib-psoe.org\/menorca\/el-psoe-menorca-critica-que-adolfo-vilafranca-hagi-estat-designat-pel-govern-com-a-membre-del-consell-dadministracio-dautoritat-portuaria\/\" title=\"El PSOE Menorca critica que Adolfo Vilafranca hagi estat designat pel Govern com a membre del Consell d&#8217;Administraci\u00f3 d&#8217;Autoritat Portu\u00e0ria\">El PSOE Menorca critica que Adolfo Vilafranca hagi estat designat pel Govern com a membre del Consell d&#8217;Administraci\u00f3 d&#8217;Autoritat Portu\u00e0ria<\/a><\/h3>\n\t\t\t<\/header>\n\t\t<\/div>\n\t\t<div class=\"post-content\">\n\t\t\t<a href=\"https:\/\/www.psib-psoe.org\/menorca\/el-psoe-menorca-critica-que-adolfo-vilafranca-hagi-estat-designat-pel-govern-com-a-membre-del-consell-dadministracio-dautoritat-portuaria\/\" class=\"more-link\">Read More<\/a>\n\t\t<\/div>\n\t\t\t<aside class=\"post-bottom-meta hide\">\n\t\t<strong rel=\"author\" itemprop=\"author\" class=\"author vcard\"><span class=\"fn\">PSOE Menorca<\/span><\/strong>\n\t\t<time class=\"date published time\" datetime=\"2023-10-02T12:33:37+02:00\" itemprop=\"datePublished\" content=\"2023-10-02T12:33:37+02:00\">02\/10\/2023<\/time>\n\t\t<meta itemprop=\"dateModified\" class=\"date updated\" content=\"2023-10-02T12:33:37+02:00\">\n\t\t<span class=\"hide\" itemprop=\"publisher\" itemscope itemtype=\"https:\/\/schema.org\/Organization\">\n\t\t\t<meta itemprop=\"name\" content=\"Federaci\u00f3 Socialista de Menorca\">\n\t\t\t<span itemprop=\"logo\" itemscope itemtype=\"https:\/\/schema.org\/ImageObject\">\n\t\t\t\t<meta itemprop=\"url\" content=\"https:\/\/www.psib-psoe.org\/menorca\/wp-content\/themes\/notio-wp\/assets\/img\/logo.png\">\n\t\t\t<\/span>\n\t\t\t<meta itemprop=\"url\" content=\"https:\/\/www.psib-psoe.org\/menorca\/\">\n\t\t<\/span>\n\t\t\t\t<meta itemscope itemprop=\"mainEntityOfPage\" itemtype=\"https:\/\/schema.org\/WebPage\" itemid=\"https:\/\/www.psib-psoe.org\/menorca\/el-psoe-menorca-critica-que-adolfo-vilafranca-hagi-estat-designat-pel-govern-com-a-membre-del-consell-dadministracio-dautoritat-portuaria\/\">\n\t<\/aside>\n\t\t<\/article>\n<\/div>\n<div class=\"small-12 large-4 columns\">\n\t<article itemscope itemtype=\"http:\/\/schema.org\/Article\" class=\"post blog-style7 alt post-26439 type-post status-publish format-standard hentry category-federacio-de-menorca category-federacio-de-menorca-portada category-municipis category-portada\" role=\"article\">\n\t\t<figure class=\"post-gallery\"><\/figure>\n\t\t<div class=\"blog-top\">\n\t\t\t<header class=\"post-title entry-header\">\n\t\t\t\t<aside class=\"post-meta cf\">\n\t\t01\/10\/2023 \/ <a href=\"https:\/\/www.psib-psoe.org\/menorca\/category\/federacio-de-menorca\/\" rel=\"category tag\">Federaci\u00f3 de Menorca<\/a>, <a href=\"https:\/\/www.psib-psoe.org\/menorca\/category\/federacio-de-menorca-portada\/\" rel=\"category tag\">Federaci\u00f3 de Menorca - Portada<\/a>, <a href=\"https:\/\/www.psib-psoe.org\/menorca\/category\/municipis\/\" rel=\"category tag\">Municipis<\/a>, <a href=\"https:\/\/www.psib-psoe.org\/menorca\/category\/portada\/\" rel=\"category tag\">Portada<\/a><\/aside>\n\t\t\t\t<h3 itemprop=\"headline\"><a href=\"https:\/\/www.psib-psoe.org\/menorca\/la-gent-gran-un-valor-per-a-la-nostra-societat-per-barbara-torrent\/\" title=\"&#8220;La gent gran, un valor per a la nostra societat&#8221;, per B\u00e0rbara Torrent\">&#8220;La gent gran, un valor per a la nostra societat&#8221;, per B\u00e0rbara Torrent<\/a><\/h3>\n\t\t\t<\/header>\n\t\t<\/div>\n\t\t<div class=\"post-content\">\n\t\t\t<a href=\"https:\/\/www.psib-psoe.org\/menorca\/la-gent-gran-un-valor-per-a-la-nostra-societat-per-barbara-torrent\/\" class=\"more-link\">Read More<\/a>\n\t\t<\/div>\n\t\t\t<aside class=\"post-bottom-meta hide\">\n\t\t<strong rel=\"author\" itemprop=\"author\" class=\"author vcard\"><span class=\"fn\">PSOE Menorca<\/span><\/strong>\n\t\t<time class=\"date published time\" datetime=\"2023-10-01T12:18:00+02:00\" itemprop=\"datePublished\" content=\"2023-10-01T12:18:00+02:00\">01\/10\/2023<\/time>\n\t\t<meta itemprop=\"dateModified\" class=\"date updated\" content=\"2023-10-02T12:19:45+02:00\">\n\t\t<span class=\"hide\" itemprop=\"publisher\" itemscope itemtype=\"https:\/\/schema.org\/Organization\">\n\t\t\t<meta itemprop=\"name\" content=\"Federaci\u00f3 Socialista de Menorca\">\n\t\t\t<span itemprop=\"logo\" itemscope itemtype=\"https:\/\/schema.org\/ImageObject\">\n\t\t\t\t<meta itemprop=\"url\" content=\"https:\/\/www.psib-psoe.org\/menorca\/wp-content\/themes\/notio-wp\/assets\/img\/logo.png\">\n\t\t\t<\/span>\n\t\t\t<meta itemprop=\"url\" content=\"https:\/\/www.psib-psoe.org\/menorca\/\">\n\t\t<\/span>\n\t\t\t\t<meta itemscope itemprop=\"mainEntityOfPage\" itemtype=\"https:\/\/schema.org\/WebPage\" itemid=\"https:\/\/www.psib-psoe.org\/menorca\/la-gent-gran-un-valor-per-a-la-nostra-societat-per-barbara-torrent\/\">\n\t<\/aside>\n\t\t<\/article>\n<\/div>\n<div class=\"small-12 large-4 columns\">\n\t<article itemscope itemtype=\"http:\/\/schema.org\/Article\" class=\"post blog-style7 alt post-26436 type-post status-publish format-standard has-post-thumbnail hentry category-federacio-de-menorca category-federacio-de-menorca-portada category-municipis category-portada\" role=\"article\">\n\t\t<figure class=\"post-gallery\"><img loading=\"lazy\" decoding=\"async\" width=\"600\" height=\"400\" src=\"https:\/\/www.psib-psoe.org\/menorca\/wp-content\/uploads\/Pons-Torrent-i-Borras-600x400.jpg\" class=\"attachment-notio-general-x2 size-notio-general-x2 wp-post-image\" alt=\"\" srcset=\"https:\/\/www.psib-psoe.org\/menorca\/wp-content\/uploads\/Pons-Torrent-i-Borras-600x400.jpg 600w, https:\/\/www.psib-psoe.org\/menorca\/wp-content\/uploads\/Pons-Torrent-i-Borras-300x200.jpg 300w, https:\/\/www.psib-psoe.org\/menorca\/wp-content\/uploads\/Pons-Torrent-i-Borras-900x600.jpg 900w, https:\/\/www.psib-psoe.org\/menorca\/wp-content\/uploads\/Pons-Torrent-i-Borras-20x13.jpg 20w\" sizes=\"(max-width: 600px) 100vw, 600px\" \/><\/figure>\n\t\t<div class=\"blog-top\">\n\t\t\t<header class=\"post-title entry-header\">\n\t\t\t\t<aside class=\"post-meta cf\">\n\t\t29\/09\/2023 \/ <a href=\"https:\/\/www.psib-psoe.org\/menorca\/category\/federacio-de-menorca\/\" rel=\"category tag\">Federaci\u00f3 de Menorca<\/a>, <a href=\"https:\/\/www.psib-psoe.org\/menorca\/category\/federacio-de-menorca-portada\/\" rel=\"category tag\">Federaci\u00f3 de Menorca - Portada<\/a>, <a href=\"https:\/\/www.psib-psoe.org\/menorca\/category\/municipis\/\" rel=\"category tag\">Municipis<\/a>, <a href=\"https:\/\/www.psib-psoe.org\/menorca\/category\/portada\/\" rel=\"category tag\">Portada<\/a><\/aside>\n\t\t\t\t<h3 itemprop=\"headline\"><a href=\"https:\/\/www.psib-psoe.org\/menorca\/el-psoe-menorca-rebutja-la-proposta-de-vox-de-crear-loficina-dimposicio-linguistica\/\" title=\"El PSOE Menorca rebutja la proposta de Vox de crear &#8220;l&#8217;oficina d&#8217;imposici\u00f3 ling\u00fc\u00edstica&#8221;\">El PSOE Menorca rebutja la proposta de Vox de crear &#8220;l&#8217;oficina d&#8217;imposici\u00f3 ling\u00fc\u00edstica&#8221;<\/a><\/h3>\n\t\t\t<\/header>\n\t\t<\/div>\n\t\t<div class=\"post-content\">\n\t\t\t<a href=\"https:\/\/www.psib-psoe.org\/menorca\/el-psoe-menorca-rebutja-la-proposta-de-vox-de-crear-loficina-dimposicio-linguistica\/\" class=\"more-link\">Read More<\/a>\n\t\t<\/div>\n\t\t\t<aside class=\"post-bottom-meta hide\">\n\t\t<strong rel=\"author\" itemprop=\"author\" class=\"author vcard\"><span class=\"fn\">PSOE Menorca<\/span><\/strong>\n\t\t<time class=\"date published time\" datetime=\"2023-09-29T12:24:09+02:00\" itemprop=\"datePublished\" content=\"2023-09-29T12:24:09+02:00\">29\/09\/2023<\/time>\n\t\t<meta itemprop=\"dateModified\" class=\"date updated\" content=\"2023-09-29T12:24:09+02:00\">\n\t\t<span class=\"hide\" itemprop=\"publisher\" itemscope itemtype=\"https:\/\/schema.org\/Organization\">\n\t\t\t<meta itemprop=\"name\" content=\"Federaci\u00f3 Socialista de Menorca\">\n\t\t\t<span itemprop=\"logo\" itemscope itemtype=\"https:\/\/schema.org\/ImageObject\">\n\t\t\t\t<meta itemprop=\"url\" content=\"https:\/\/www.psib-psoe.org\/menorca\/wp-content\/themes\/notio-wp\/assets\/img\/logo.png\">\n\t\t\t<\/span>\n\t\t\t<meta itemprop=\"url\" content=\"https:\/\/www.psib-psoe.org\/menorca\/\">\n\t\t<\/span>\n\t\t\t\t<span class=\"hide\" itemprop=\"image\" itemscope itemtype=\"http:\/\/schema.org\/ImageObject\">\n\t\t\t<meta itemprop=\"url\" content=\"https:\/\/www.psib-psoe.org\/menorca\/wp-content\/uploads\/Pons-Torrent-i-Borras-scaled.jpg\">\n\t\t\t<meta itemprop=\"width\" content=\"2560\">\n\t\t\t<meta itemprop=\"height\" content=\"2032\">\n\t\t<\/span>\n\t\t\t\t<meta itemscope itemprop=\"mainEntityOfPage\" itemtype=\"https:\/\/schema.org\/WebPage\" itemid=\"https:\/\/www.psib-psoe.org\/menorca\/el-psoe-menorca-rebutja-la-proposta-de-vox-de-crear-loficina-dimposicio-linguistica\/\">\n\t<\/aside>\n\t\t<\/article>\n<\/div>\n<div class=\"small-12 large-4 columns\">\n\t<article itemscope itemtype=\"http:\/\/schema.org\/Article\" class=\"post blog-style7 alt post-26432 type-post status-publish format-standard has-post-thumbnail hentry category-federacio-de-menorca category-federacio-de-menorca-portada category-municipis category-portada\" role=\"article\">\n\t\t<figure class=\"post-gallery\"><img loading=\"lazy\" decoding=\"async\" width=\"600\" height=\"400\" src=\"https:\/\/www.psib-psoe.org\/menorca\/wp-content\/uploads\/Pepe-Mercadal-al-Congres-1-600x400.jpeg\" class=\"attachment-notio-general-x2 size-notio-general-x2 wp-post-image\" alt=\"\" srcset=\"https:\/\/www.psib-psoe.org\/menorca\/wp-content\/uploads\/Pepe-Mercadal-al-Congres-1-600x400.jpeg 600w, https:\/\/www.psib-psoe.org\/menorca\/wp-content\/uploads\/Pepe-Mercadal-al-Congres-1-300x200.jpeg 300w, https:\/\/www.psib-psoe.org\/menorca\/wp-content\/uploads\/Pepe-Mercadal-al-Congres-1-1024x682.jpeg 1024w, https:\/\/www.psib-psoe.org\/menorca\/wp-content\/uploads\/Pepe-Mercadal-al-Congres-1-768x512.jpeg 768w, https:\/\/www.psib-psoe.org\/menorca\/wp-content\/uploads\/Pepe-Mercadal-al-Congres-1-1536x1023.jpeg 1536w, https:\/\/www.psib-psoe.org\/menorca\/wp-content\/uploads\/Pepe-Mercadal-al-Congres-1-150x100.jpeg 150w, https:\/\/www.psib-psoe.org\/menorca\/wp-content\/uploads\/Pepe-Mercadal-al-Congres-1-900x600.jpeg 900w, https:\/\/www.psib-psoe.org\/menorca\/wp-content\/uploads\/Pepe-Mercadal-al-Congres-1-20x13.jpeg 20w, https:\/\/www.psib-psoe.org\/menorca\/wp-content\/uploads\/Pepe-Mercadal-al-Congres-1.jpeg 1600w\" sizes=\"(max-width: 600px) 100vw, 600px\" \/><\/figure>\n\t\t<div class=\"blog-top\">\n\t\t\t<header class=\"post-title entry-header\">\n\t\t\t\t<aside class=\"post-meta cf\">\n\t\t26\/09\/2023 \/ <a href=\"https:\/\/www.psib-psoe.org\/menorca\/category\/federacio-de-menorca\/\" rel=\"category tag\">Federaci\u00f3 de Menorca<\/a>, <a href=\"https:\/\/www.psib-psoe.org\/menorca\/category\/federacio-de-menorca-portada\/\" rel=\"category tag\">Federaci\u00f3 de Menorca - Portada<\/a>, <a href=\"https:\/\/www.psib-psoe.org\/menorca\/category\/municipis\/\" rel=\"category tag\">Municipis<\/a>, <a href=\"https:\/\/www.psib-psoe.org\/menorca\/category\/portada\/\" rel=\"category tag\">Portada<\/a><\/aside>\n\t\t\t\t<h3 itemprop=\"headline\"><a href=\"https:\/\/www.psib-psoe.org\/menorca\/un-congres-que-sassembla-mes-a-espanya-per-pepe-mercadal\/\" title=\"&#8220;Un Congr\u00e9s que s\u2019assembla m\u00e9s a Espanya&#8221;, per Pepe Mercadal\">&#8220;Un Congr\u00e9s que s\u2019assembla m\u00e9s a Espanya&#8221;, per Pepe Mercadal<\/a><\/h3>\n\t\t\t<\/header>\n\t\t<\/div>\n\t\t<div class=\"post-content\">\n\t\t\t<a href=\"https:\/\/www.psib-psoe.org\/menorca\/un-congres-que-sassembla-mes-a-espanya-per-pepe-mercadal\/\" class=\"more-link\">Read More<\/a>\n\t\t<\/div>\n\t\t\t<aside class=\"post-bottom-meta hide\">\n\t\t<strong rel=\"author\" itemprop=\"author\" class=\"author vcard\"><span class=\"fn\">PSOE Menorca<\/span><\/strong>\n\t\t<time class=\"date published time\" datetime=\"2023-09-26T16:27:44+02:00\" itemprop=\"datePublished\" content=\"2023-09-26T16:27:44+02:00\">26\/09\/2023<\/time>\n\t\t<meta itemprop=\"dateModified\" class=\"date updated\" content=\"2023-09-26T16:27:44+02:00\">\n\t\t<span class=\"hide\" itemprop=\"publisher\" itemscope itemtype=\"https:\/\/schema.org\/Organization\">\n\t\t\t<meta itemprop=\"name\" content=\"Federaci\u00f3 Socialista de Menorca\">\n\t\t\t<span itemprop=\"logo\" itemscope itemtype=\"https:\/\/schema.org\/ImageObject\">\n\t\t\t\t<meta itemprop=\"url\" content=\"https:\/\/www.psib-psoe.org\/menorca\/wp-content\/themes\/notio-wp\/assets\/img\/logo.png\">\n\t\t\t<\/span>\n\t\t\t<meta itemprop=\"url\" content=\"https:\/\/www.psib-psoe.org\/menorca\/\">\n\t\t<\/span>\n\t\t\t\t<span class=\"hide\" itemprop=\"image\" itemscope itemtype=\"http:\/\/schema.org\/ImageObject\">\n\t\t\t<meta itemprop=\"url\" content=\"https:\/\/www.psib-psoe.org\/menorca\/wp-content\/uploads\/Pepe-Mercadal-al-Congres-1.jpeg\">\n\t\t\t<meta itemprop=\"width\" content=\"1600\">\n\t\t\t<meta itemprop=\"height\" content=\"1066\">\n\t\t<\/span>\n\t\t\t\t<meta itemscope itemprop=\"mainEntityOfPage\" itemtype=\"https:\/\/schema.org\/WebPage\" itemid=\"https:\/\/www.psib-psoe.org\/menorca\/un-congres-que-sassembla-mes-a-espanya-per-pepe-mercadal\/\">\n\t<\/aside>\n\t\t<\/article>\n<\/div>\n<div class=\"small-12 large-4 columns\">\n\t<article itemscope itemtype=\"http:\/\/schema.org\/Article\" class=\"post blog-style7 alt post-26426 type-post status-publish format-standard has-post-thumbnail hentry category-federacio-de-menorca category-federacio-de-menorca-portada category-municipis category-portada\" role=\"article\">\n\t\t<figure class=\"post-gallery\"><img loading=\"lazy\" decoding=\"async\" width=\"600\" height=\"400\" src=\"https:\/\/www.psib-psoe.org\/menorca\/wp-content\/uploads\/Marques-i-Robsy-1-600x400.jpg\" class=\"attachment-notio-general-x2 size-notio-general-x2 wp-post-image\" alt=\"\" srcset=\"https:\/\/www.psib-psoe.org\/menorca\/wp-content\/uploads\/Marques-i-Robsy-1-600x400.jpg 600w, https:\/\/www.psib-psoe.org\/menorca\/wp-content\/uploads\/Marques-i-Robsy-1-300x200.jpg 300w, https:\/\/www.psib-psoe.org\/menorca\/wp-content\/uploads\/Marques-i-Robsy-1-900x600.jpg 900w, https:\/\/www.psib-psoe.org\/menorca\/wp-content\/uploads\/Marques-i-Robsy-1-20x13.jpg 20w\" sizes=\"(max-width: 600px) 100vw, 600px\" \/><\/figure>\n\t\t<div class=\"blog-top\">\n\t\t\t<header class=\"post-title entry-header\">\n\t\t\t\t<aside class=\"post-meta cf\">\n\t\t22\/09\/2023 \/ <a href=\"https:\/\/www.psib-psoe.org\/menorca\/category\/federacio-de-menorca\/\" rel=\"category tag\">Federaci\u00f3 de Menorca<\/a>, <a href=\"https:\/\/www.psib-psoe.org\/menorca\/category\/federacio-de-menorca-portada\/\" rel=\"category tag\">Federaci\u00f3 de Menorca - Portada<\/a>, <a href=\"https:\/\/www.psib-psoe.org\/menorca\/category\/municipis\/\" rel=\"category tag\">Municipis<\/a>, <a href=\"https:\/\/www.psib-psoe.org\/menorca\/category\/portada\/\" rel=\"category tag\">Portada<\/a><\/aside>\n\t\t\t\t<h3 itemprop=\"headline\"><a href=\"https:\/\/www.psib-psoe.org\/menorca\/el-psoe-menorca-demana-a-govern-i-consell-que-exerceixin-el-dret-de-compra-dels-dos-blocs-de-pisos-de-mao-que-han-sortit-a-subhasta\/\" title=\"El PSOE Menorca demana a Govern i Consell que exerceixin el dret de compra dels dos blocs de pisos de Ma\u00f3 que han sortit a subhasta\">El PSOE Menorca demana a Govern i Consell que exerceixin el dret de compra dels dos blocs de pisos de Ma\u00f3 que han sortit a subhasta<\/a><\/h3>\n\t\t\t<\/header>\n\t\t<\/div>\n\t\t<div class=\"post-content\">\n\t\t\t<a href=\"https:\/\/www.psib-psoe.org\/menorca\/el-psoe-menorca-demana-a-govern-i-consell-que-exerceixin-el-dret-de-compra-dels-dos-blocs-de-pisos-de-mao-que-han-sortit-a-subhasta\/\" class=\"more-link\">Read More<\/a>\n\t\t<\/div>\n\t\t\t<aside class=\"post-bottom-meta hide\">\n\t\t<strong rel=\"author\" itemprop=\"author\" class=\"author vcard\"><span class=\"fn\">PSOE Menorca<\/span><\/strong>\n\t\t<time class=\"date published time\" datetime=\"2023-09-22T12:53:16+02:00\" itemprop=\"datePublished\" content=\"2023-09-22T12:53:16+02:00\">22\/09\/2023<\/time>\n\t\t<meta itemprop=\"dateModified\" class=\"date updated\" content=\"2023-09-22T12:56:27+02:00\">\n\t\t<span class=\"hide\" itemprop=\"publisher\" itemscope itemtype=\"https:\/\/schema.org\/Organization\">\n\t\t\t<meta itemprop=\"name\" content=\"Federaci\u00f3 Socialista de Menorca\">\n\t\t\t<span itemprop=\"logo\" itemscope itemtype=\"https:\/\/schema.org\/ImageObject\">\n\t\t\t\t<meta itemprop=\"url\" content=\"https:\/\/www.psib-psoe.org\/menorca\/wp-content\/themes\/notio-wp\/assets\/img\/logo.png\">\n\t\t\t<\/span>\n\t\t\t<meta itemprop=\"url\" content=\"https:\/\/www.psib-psoe.org\/menorca\/\">\n\t\t<\/span>\n\t\t\t\t<span class=\"hide\" itemprop=\"image\" itemscope itemtype=\"http:\/\/schema.org\/ImageObject\">\n\t\t\t<meta itemprop=\"url\" content=\"https:\/\/www.psib-psoe.org\/menorca\/wp-content\/uploads\/Marques-i-Robsy-1-scaled.jpg\">\n\t\t\t<meta itemprop=\"width\" content=\"2560\">\n\t\t\t<meta itemprop=\"height\" content=\"1920\">\n\t\t<\/span>\n\t\t\t\t<meta itemscope itemprop=\"mainEntityOfPage\" itemtype=\"https:\/\/schema.org\/WebPage\" itemid=\"https:\/\/www.psib-psoe.org\/menorca\/el-psoe-menorca-demana-a-govern-i-consell-que-exerceixin-el-dret-de-compra-dels-dos-blocs-de-pisos-de-mao-que-han-sortit-a-subhasta\/\">\n\t<\/aside>\n\t\t<\/article>\n<\/div>\n<div class=\"small-12 large-4 columns\">\n\t<article itemscope itemtype=\"http:\/\/schema.org\/Article\" class=\"post blog-style7 alt post-26423 type-post status-publish format-standard has-post-thumbnail hentry category-federacio-de-menorca category-federacio-de-menorca-portada category-municipis category-portada\" role=\"article\">\n\t\t<figure class=\"post-gallery\"><img loading=\"lazy\" decoding=\"async\" width=\"320\" height=\"240\" src=\"https:\/\/www.psib-psoe.org\/menorca\/wp-content\/uploads\/Barbara-i-Iago-Petita.jpeg\" class=\"attachment-notio-general-x2 size-notio-general-x2 wp-post-image\" alt=\"\" srcset=\"https:\/\/www.psib-psoe.org\/menorca\/wp-content\/uploads\/Barbara-i-Iago-Petita.jpeg 320w, https:\/\/www.psib-psoe.org\/menorca\/wp-content\/uploads\/Barbara-i-Iago-Petita-300x225.jpeg 300w, https:\/\/www.psib-psoe.org\/menorca\/wp-content\/uploads\/Barbara-i-Iago-Petita-150x113.jpeg 150w, https:\/\/www.psib-psoe.org\/menorca\/wp-content\/uploads\/Barbara-i-Iago-Petita-20x16.jpeg 20w\" sizes=\"(max-width: 320px) 100vw, 320px\" \/><\/figure>\n\t\t<div class=\"blog-top\">\n\t\t\t<header class=\"post-title entry-header\">\n\t\t\t\t<aside class=\"post-meta cf\">\n\t\t21\/09\/2023 \/ <a href=\"https:\/\/www.psib-psoe.org\/menorca\/category\/federacio-de-menorca\/\" rel=\"category tag\">Federaci\u00f3 de Menorca<\/a>, <a href=\"https:\/\/www.psib-psoe.org\/menorca\/category\/federacio-de-menorca-portada\/\" rel=\"category tag\">Federaci\u00f3 de Menorca - Portada<\/a>, <a href=\"https:\/\/www.psib-psoe.org\/menorca\/category\/municipis\/\" rel=\"category tag\">Municipis<\/a>, <a href=\"https:\/\/www.psib-psoe.org\/menorca\/category\/portada\/\" rel=\"category tag\">Portada<\/a><\/aside>\n\t\t\t\t<h3 itemprop=\"headline\"><a href=\"https:\/\/www.psib-psoe.org\/menorca\/el-psoe-menorca-reforca-la-coordinacio-a-tots-els-nivells-per-protegir-els-interessos-de-lilla\/\" title=\"El PSOE Menorca refor\u00e7a la coordinaci\u00f3 a tots els nivells per protegir els interessos de l&#8217;illa\">El PSOE Menorca refor\u00e7a la coordinaci\u00f3 a tots els nivells per protegir els interessos de l&#8217;illa<\/a><\/h3>\n\t\t\t<\/header>\n\t\t<\/div>\n\t\t<div class=\"post-content\">\n\t\t\t<a href=\"https:\/\/www.psib-psoe.org\/menorca\/el-psoe-menorca-reforca-la-coordinacio-a-tots-els-nivells-per-protegir-els-interessos-de-lilla\/\" class=\"more-link\">Read More<\/a>\n\t\t<\/div>\n\t\t\t<aside class=\"post-bottom-meta hide\">\n\t\t<strong rel=\"author\" itemprop=\"author\" class=\"author vcard\"><span class=\"fn\">PSOE Menorca<\/span><\/strong>\n\t\t<time class=\"date published time\" datetime=\"2023-09-21T18:10:55+02:00\" itemprop=\"datePublished\" content=\"2023-09-21T18:10:55+02:00\">21\/09\/2023<\/time>\n\t\t<meta itemprop=\"dateModified\" class=\"date updated\" content=\"2023-09-21T18:10:55+02:00\">\n\t\t<span class=\"hide\" itemprop=\"publisher\" itemscope itemtype=\"https:\/\/schema.org\/Organization\">\n\t\t\t<meta itemprop=\"name\" content=\"Federaci\u00f3 Socialista de Menorca\">\n\t\t\t<span itemprop=\"logo\" itemscope itemtype=\"https:\/\/schema.org\/ImageObject\">\n\t\t\t\t<meta itemprop=\"url\" content=\"https:\/\/www.psib-psoe.org\/menorca\/wp-content\/themes\/notio-wp\/assets\/img\/logo.png\">\n\t\t\t<\/span>\n\t\t\t<meta itemprop=\"url\" content=\"https:\/\/www.psib-psoe.org\/menorca\/\">\n\t\t<\/span>\n\t\t\t\t<span class=\"hide\" itemprop=\"image\" itemscope itemtype=\"http:\/\/schema.org\/ImageObject\">\n\t\t\t<meta itemprop=\"url\" content=\"https:\/\/www.psib-psoe.org\/menorca\/wp-content\/uploads\/Barbara-i-Iago-Petita.jpeg\">\n\t\t\t<meta itemprop=\"width\" content=\"320\">\n\t\t\t<meta itemprop=\"height\" content=\"240\">\n\t\t<\/span>\n\t\t\t\t<meta itemscope itemprop=\"mainEntityOfPage\" itemtype=\"https:\/\/schema.org\/WebPage\" itemid=\"https:\/\/www.psib-psoe.org\/menorca\/el-psoe-menorca-reforca-la-coordinacio-a-tots-els-nivells-per-protegir-els-interessos-de-lilla\/\">\n\t<\/aside>\n\t\t<\/article>\n<\/div>\n<div class=\"small-12 large-4 columns\">\n\t<article itemscope itemtype=\"http:\/\/schema.org\/Article\" class=\"post blog-style7 alt post-26419 type-post status-publish format-standard has-post-thumbnail hentry category-federacio-de-menorca category-federacio-de-menorca-portada category-municipis category-portada\" role=\"article\">\n\t\t<figure class=\"post-gallery\"><img loading=\"lazy\" decoding=\"async\" width=\"600\" height=\"400\" src=\"https:\/\/www.psib-psoe.org\/menorca\/wp-content\/uploads\/Pepe-Mercadal-al-Congres-600x400.jpeg\" class=\"attachment-notio-general-x2 size-notio-general-x2 wp-post-image\" alt=\"\" srcset=\"https:\/\/www.psib-psoe.org\/menorca\/wp-content\/uploads\/Pepe-Mercadal-al-Congres-600x400.jpeg 600w, https:\/\/www.psib-psoe.org\/menorca\/wp-content\/uploads\/Pepe-Mercadal-al-Congres-300x200.jpeg 300w, https:\/\/www.psib-psoe.org\/menorca\/wp-content\/uploads\/Pepe-Mercadal-al-Congres-1024x682.jpeg 1024w, https:\/\/www.psib-psoe.org\/menorca\/wp-content\/uploads\/Pepe-Mercadal-al-Congres-768x512.jpeg 768w, https:\/\/www.psib-psoe.org\/menorca\/wp-content\/uploads\/Pepe-Mercadal-al-Congres-1536x1023.jpeg 1536w, https:\/\/www.psib-psoe.org\/menorca\/wp-content\/uploads\/Pepe-Mercadal-al-Congres-150x100.jpeg 150w, https:\/\/www.psib-psoe.org\/menorca\/wp-content\/uploads\/Pepe-Mercadal-al-Congres-900x600.jpeg 900w, https:\/\/www.psib-psoe.org\/menorca\/wp-content\/uploads\/Pepe-Mercadal-al-Congres-20x13.jpeg 20w, https:\/\/www.psib-psoe.org\/menorca\/wp-content\/uploads\/Pepe-Mercadal-al-Congres.jpeg 1600w\" sizes=\"(max-width: 600px) 100vw, 600px\" \/><\/figure>\n\t\t<div class=\"blog-top\">\n\t\t\t<header class=\"post-title entry-header\">\n\t\t\t\t<aside class=\"post-meta cf\">\n\t\t21\/09\/2023 \/ <a href=\"https:\/\/www.psib-psoe.org\/menorca\/category\/federacio-de-menorca\/\" rel=\"category tag\">Federaci\u00f3 de Menorca<\/a>, <a href=\"https:\/\/www.psib-psoe.org\/menorca\/category\/federacio-de-menorca-portada\/\" rel=\"category tag\">Federaci\u00f3 de Menorca - Portada<\/a>, <a href=\"https:\/\/www.psib-psoe.org\/menorca\/category\/municipis\/\" rel=\"category tag\">Municipis<\/a>, <a href=\"https:\/\/www.psib-psoe.org\/menorca\/category\/portada\/\" rel=\"category tag\">Portada<\/a><\/aside>\n\t\t\t\t<h3 itemprop=\"headline\"><a href=\"https:\/\/www.psib-psoe.org\/menorca\/el-psoe-menorca-celebra-que-el-congres-hagi-aprovat-la-modificacio-del-reglament-perque-els-diputats-puguin-expressar-se-en-les-llengues-cooficials\/\" title=\"El PSOE Menorca celebra que el Congr\u00e9s hagi aprovat la modificaci\u00f3 del Reglament perqu\u00e8 els diputats puguin expressar-se en les lleng\u00fces cooficials\">El PSOE Menorca celebra que el Congr\u00e9s hagi aprovat la modificaci\u00f3 del Reglament perqu\u00e8 els diputats puguin expressar-se en les lleng\u00fces cooficials<\/a><\/h3>\n\t\t\t<\/header>\n\t\t<\/div>\n\t\t<div class=\"post-content\">\n\t\t\t<a href=\"https:\/\/www.psib-psoe.org\/menorca\/el-psoe-menorca-celebra-que-el-congres-hagi-aprovat-la-modificacio-del-reglament-perque-els-diputats-puguin-expressar-se-en-les-llengues-cooficials\/\" class=\"more-link\">Read More<\/a>\n\t\t<\/div>\n\t\t\t<aside class=\"post-bottom-meta hide\">\n\t\t<strong rel=\"author\" itemprop=\"author\" class=\"author vcard\"><span class=\"fn\">PSOE Menorca<\/span><\/strong>\n\t\t<time class=\"date published time\" datetime=\"2023-09-21T09:29:16+02:00\" itemprop=\"datePublished\" content=\"2023-09-21T09:29:16+02:00\">21\/09\/2023<\/time>\n\t\t<meta itemprop=\"dateModified\" class=\"date updated\" content=\"2023-09-21T09:29:16+02:00\">\n\t\t<span class=\"hide\" itemprop=\"publisher\" itemscope itemtype=\"https:\/\/schema.org\/Organization\">\n\t\t\t<meta itemprop=\"name\" content=\"Federaci\u00f3 Socialista de Menorca\">\n\t\t\t<span itemprop=\"logo\" itemscope itemtype=\"https:\/\/schema.org\/ImageObject\">\n\t\t\t\t<meta itemprop=\"url\" content=\"https:\/\/www.psib-psoe.org\/menorca\/wp-content\/themes\/notio-wp\/assets\/img\/logo.png\">\n\t\t\t<\/span>\n\t\t\t<meta itemprop=\"url\" content=\"https:\/\/www.psib-psoe.org\/menorca\/\">\n\t\t<\/span>\n\t\t\t\t<span class=\"hide\" itemprop=\"image\" itemscope itemtype=\"http:\/\/schema.org\/ImageObject\">\n\t\t\t<meta itemprop=\"url\" content=\"https:\/\/www.psib-psoe.org\/menorca\/wp-content\/uploads\/Pepe-Mercadal-al-Congres.jpeg\">\n\t\t\t<meta itemprop=\"width\" content=\"1600\">\n\t\t\t<meta itemprop=\"height\" content=\"1066\">\n\t\t<\/span>\n\t\t\t\t<meta itemscope itemprop=\"mainEntityOfPage\" itemtype=\"https:\/\/schema.org\/WebPage\" itemid=\"https:\/\/www.psib-psoe.org\/menorca\/el-psoe-menorca-celebra-que-el-congres-hagi-aprovat-la-modificacio-del-reglament-perque-els-diputats-puguin-expressar-se-en-les-llengues-cooficials\/\">\n\t<\/aside>\n\t\t<\/article>\n<\/div>\n<div class=\"small-12 large-4 columns\">\n\t<article itemscope itemtype=\"http:\/\/schema.org\/Article\" class=\"post blog-style7 alt post-26417 type-post status-publish format-standard hentry category-federacio-de-menorca category-federacio-de-menorca-portada category-municipis category-portada\" role=\"article\">\n\t\t<figure class=\"post-gallery\"><\/figure>\n\t\t<div class=\"blog-top\">\n\t\t\t<header class=\"post-title entry-header\">\n\t\t\t\t<aside class=\"post-meta cf\">\n\t\t18\/09\/2023 \/ <a href=\"https:\/\/www.psib-psoe.org\/menorca\/category\/federacio-de-menorca\/\" rel=\"category tag\">Federaci\u00f3 de Menorca<\/a>, <a href=\"https:\/\/www.psib-psoe.org\/menorca\/category\/federacio-de-menorca-portada\/\" rel=\"category tag\">Federaci\u00f3 de Menorca - Portada<\/a>, <a href=\"https:\/\/www.psib-psoe.org\/menorca\/category\/municipis\/\" rel=\"category tag\">Municipis<\/a>, <a href=\"https:\/\/www.psib-psoe.org\/menorca\/category\/portada\/\" rel=\"category tag\">Portada<\/a><\/aside>\n\t\t\t\t<h3 itemprop=\"headline\"><a href=\"https:\/\/www.psib-psoe.org\/menorca\/menorca-talaiotica-declarada-patrimoni-mundial-de-la-unesco-per-susana-mora\/\" title=\"&#8220;Menorca Talai\u00f2tica, declarada Patrimoni Mundial de la UNESCO&#8221;, per Susana Mora\">&#8220;Menorca Talai\u00f2tica, declarada Patrimoni Mundial de la UNESCO&#8221;, per Susana Mora<\/a><\/h3>\n\t\t\t<\/header>\n\t\t<\/div>\n\t\t<div class=\"post-content\">\n\t\t\t<a href=\"https:\/\/www.psib-psoe.org\/menorca\/menorca-talaiotica-declarada-patrimoni-mundial-de-la-unesco-per-susana-mora\/\" class=\"more-link\">Read More<\/a>\n\t\t<\/div>\n\t\t\t<aside class=\"post-bottom-meta hide\">\n\t\t<strong rel=\"author\" itemprop=\"author\" class=\"author vcard\"><span class=\"fn\">PSOE Menorca<\/span><\/strong>\n\t\t<time class=\"date published time\" datetime=\"2023-09-18T12:13:11+02:00\" itemprop=\"datePublished\" content=\"2023-09-18T12:13:11+02:00\">18\/09\/2023<\/time>\n\t\t<meta itemprop=\"dateModified\" class=\"date updated\" content=\"2023-09-18T12:13:11+02:00\">\n\t\t<span class=\"hide\" itemprop=\"publisher\" itemscope itemtype=\"https:\/\/schema.org\/Organization\">\n\t\t\t<meta itemprop=\"name\" content=\"Federaci\u00f3 Socialista de Menorca\">\n\t\t\t<span itemprop=\"logo\" itemscope itemtype=\"https:\/\/schema.org\/ImageObject\">\n\t\t\t\t<meta itemprop=\"url\" content=\"https:\/\/www.psib-psoe.org\/menorca\/wp-content\/themes\/notio-wp\/assets\/img\/logo.png\">\n\t\t\t<\/span>\n\t\t\t<meta itemprop=\"url\" content=\"https:\/\/www.psib-psoe.org\/menorca\/\">\n\t\t<\/span>\n\t\t\t\t<meta itemscope itemprop=\"mainEntityOfPage\" itemtype=\"https:\/\/schema.org\/WebPage\" itemid=\"https:\/\/www.psib-psoe.org\/menorca\/menorca-talaiotica-declarada-patrimoni-mundial-de-la-unesco-per-susana-mora\/\">\n\t<\/aside>\n\t\t<\/article>\n<\/div>\n<div class=\"small-12 large-4 columns\">\n\t<article itemscope itemtype=\"http:\/\/schema.org\/Article\" class=\"post blog-style7 alt post-26415 type-post status-publish format-standard hentry category-federacio-de-menorca category-federacio-de-menorca-portada category-municipis category-portada\" role=\"article\">\n\t\t<figure class=\"post-gallery\"><\/figure>\n\t\t<div class=\"blog-top\">\n\t\t\t<header class=\"post-title entry-header\">\n\t\t\t\t<aside class=\"post-meta cf\">\n\t\t15\/09\/2023 \/ <a href=\"https:\/\/www.psib-psoe.org\/menorca\/category\/federacio-de-menorca\/\" rel=\"category tag\">Federaci\u00f3 de Menorca<\/a>, <a href=\"https:\/\/www.psib-psoe.org\/menorca\/category\/federacio-de-menorca-portada\/\" rel=\"category tag\">Federaci\u00f3 de Menorca - Portada<\/a>, <a href=\"https:\/\/www.psib-psoe.org\/menorca\/category\/municipis\/\" rel=\"category tag\">Municipis<\/a>, <a href=\"https:\/\/www.psib-psoe.org\/menorca\/category\/portada\/\" rel=\"category tag\">Portada<\/a><\/aside>\n\t\t\t\t<h3 itemprop=\"headline\"><a href=\"https:\/\/www.psib-psoe.org\/menorca\/el-psoe-menorca-critica-que-la-representacio-menorquina-que-viatja-a-riad-no-te-en-compte-la-representacio-de-tots-els-grups-politics-del-consell-insular\/\" title=\"El PSOE Menorca critica que la representaci\u00f3 menorquina que viatja a Riad no t\u00e9 en compte la representaci\u00f3 de tots els grups pol\u00edtics del Consell Insular\">El PSOE Menorca critica que la representaci\u00f3 menorquina que viatja a Riad no t\u00e9 en compte la representaci\u00f3 de tots els grups pol\u00edtics del Consell Insular<\/a><\/h3>\n\t\t\t<\/header>\n\t\t<\/div>\n\t\t<div class=\"post-content\">\n\t\t\t<a href=\"https:\/\/www.psib-psoe.org\/menorca\/el-psoe-menorca-critica-que-la-representacio-menorquina-que-viatja-a-riad-no-te-en-compte-la-representacio-de-tots-els-grups-politics-del-consell-insular\/\" class=\"more-link\">Read More<\/a>\n\t\t<\/div>\n\t\t\t<aside class=\"post-bottom-meta hide\">\n\t\t<strong rel=\"author\" itemprop=\"author\" class=\"author vcard\"><span class=\"fn\">PSOE Menorca<\/span><\/strong>\n\t\t<time class=\"date published time\" datetime=\"2023-09-15T12:02:05+02:00\" itemprop=\"datePublished\" content=\"2023-09-15T12:02:05+02:00\">15\/09\/2023<\/time>\n\t\t<meta itemprop=\"dateModified\" class=\"date updated\" content=\"2023-09-15T12:02:05+02:00\">\n\t\t<span class=\"hide\" itemprop=\"publisher\" itemscope itemtype=\"https:\/\/schema.org\/Organization\">\n\t\t\t<meta itemprop=\"name\" content=\"Federaci\u00f3 Socialista de Menorca\">\n\t\t\t<span itemprop=\"logo\" itemscope itemtype=\"https:\/\/schema.org\/ImageObject\">\n\t\t\t\t<meta itemprop=\"url\" content=\"https:\/\/www.psib-psoe.org\/menorca\/wp-content\/themes\/notio-wp\/assets\/img\/logo.png\">\n\t\t\t<\/span>\n\t\t\t<meta itemprop=\"url\" content=\"https:\/\/www.psib-psoe.org\/menorca\/\">\n\t\t<\/span>\n\t\t\t\t<meta itemscope itemprop=\"mainEntityOfPage\" itemtype=\"https:\/\/schema.org\/WebPage\" itemid=\"https:\/\/www.psib-psoe.org\/menorca\/el-psoe-menorca-critica-que-la-representacio-menorquina-que-viatja-a-riad-no-te-en-compte-la-representacio-de-tots-els-grups-politics-del-consell-insular\/\">\n\t<\/aside>\n\t\t<\/article>\n<\/div>\n<div class=\"small-12 large-4 columns\">\n\t<article itemscope itemtype=\"http:\/\/schema.org\/Article\" class=\"post blog-style7 alt post-26399 type-post status-publish format-standard hentry category-federacio-de-menorca category-federacio-de-menorca-portada category-municipis category-portada\" role=\"article\">\n\t\t<figure class=\"post-gallery\"><\/figure>\n\t\t<div class=\"blog-top\">\n\t\t\t<header class=\"post-title entry-header\">\n\t\t\t\t<aside class=\"post-meta cf\">\n\t\t19\/07\/2023 \/ <a href=\"https:\/\/www.psib-psoe.org\/menorca\/category\/federacio-de-menorca\/\" rel=\"category tag\">Federaci\u00f3 de Menorca<\/a>, <a href=\"https:\/\/www.psib-psoe.org\/menorca\/category\/federacio-de-menorca-portada\/\" rel=\"category tag\">Federaci\u00f3 de Menorca - Portada<\/a>, <a href=\"https:\/\/www.psib-psoe.org\/menorca\/category\/municipis\/\" rel=\"category tag\">Municipis<\/a>, <a href=\"https:\/\/www.psib-psoe.org\/menorca\/category\/portada\/\" rel=\"category tag\">Portada<\/a><\/aside>\n\t\t\t\t<h3 itemprop=\"headline\"><a href=\"https:\/\/www.psib-psoe.org\/menorca\/el-psoe-menorca-es-marca-com-a-objectiu-reforcar-els-serveis-publics-del-pais-per-oferir-una-millor-atencio-a-la-societat\/\" title=\"El PSOE Menorca es marca com a objectiu refor\u00e7ar els serveis p\u00fablics del pa\u00eds per oferir una millor atenci\u00f3 a la societat\">El PSOE Menorca es marca com a objectiu refor\u00e7ar els serveis p\u00fablics del pa\u00eds per oferir una millor atenci\u00f3 a la societat<\/a><\/h3>\n\t\t\t<\/header>\n\t\t<\/div>\n\t\t<div class=\"post-content\">\n\t\t\t<a href=\"https:\/\/www.psib-psoe.org\/menorca\/el-psoe-menorca-es-marca-com-a-objectiu-reforcar-els-serveis-publics-del-pais-per-oferir-una-millor-atencio-a-la-societat\/\" class=\"more-link\">Read More<\/a>\n\t\t<\/div>\n\t\t\t<aside class=\"post-bottom-meta hide\">\n\t\t<strong rel=\"author\" itemprop=\"author\" class=\"author vcard\"><span class=\"fn\">PSOE Menorca<\/span><\/strong>\n\t\t<time class=\"date published time\" datetime=\"2023-07-19T13:05:15+02:00\" itemprop=\"datePublished\" content=\"2023-07-19T13:05:15+02:00\">19\/07\/2023<\/time>\n\t\t<meta itemprop=\"dateModified\" class=\"date updated\" content=\"2023-07-19T13:05:15+02:00\">\n\t\t<span class=\"hide\" itemprop=\"publisher\" itemscope itemtype=\"https:\/\/schema.org\/Organization\">\n\t\t\t<meta itemprop=\"name\" content=\"Federaci\u00f3 Socialista de Menorca\">\n\t\t\t<span itemprop=\"logo\" itemscope itemtype=\"https:\/\/schema.org\/ImageObject\">\n\t\t\t\t<meta itemprop=\"url\" content=\"https:\/\/www.psib-psoe.org\/menorca\/wp-content\/themes\/notio-wp\/assets\/img\/logo.png\">\n\t\t\t<\/span>\n\t\t\t<meta itemprop=\"url\" content=\"https:\/\/www.psib-psoe.org\/menorca\/\">\n\t\t<\/span>\n\t\t\t\t<meta itemscope itemprop=\"mainEntityOfPage\" itemtype=\"https:\/\/schema.org\/WebPage\" itemid=\"https:\/\/www.psib-psoe.org\/menorca\/el-psoe-menorca-es-marca-com-a-objectiu-reforcar-els-serveis-publics-del-pais-per-oferir-una-millor-atencio-a-la-societat\/\">\n\t<\/aside>\n\t\t<\/article>\n<\/div>\n<div class=\"small-12 large-4 columns\">\n\t<article itemscope itemtype=\"http:\/\/schema.org\/Article\" class=\"post blog-style7 alt post-26397 type-post status-publish format-standard hentry category-federacio-de-menorca category-federacio-de-menorca-portada category-municipis category-portada\" role=\"article\">\n\t\t<figure class=\"post-gallery\"><\/figure>\n\t\t<div class=\"blog-top\">\n\t\t\t<header class=\"post-title entry-header\">\n\t\t\t\t<aside class=\"post-meta cf\">\n\t\t18\/07\/2023 \/ <a href=\"https:\/\/www.psib-psoe.org\/menorca\/category\/federacio-de-menorca\/\" rel=\"category tag\">Federaci\u00f3 de Menorca<\/a>, <a href=\"https:\/\/www.psib-psoe.org\/menorca\/category\/federacio-de-menorca-portada\/\" rel=\"category tag\">Federaci\u00f3 de Menorca - Portada<\/a>, <a href=\"https:\/\/www.psib-psoe.org\/menorca\/category\/municipis\/\" rel=\"category tag\">Municipis<\/a>, <a href=\"https:\/\/www.psib-psoe.org\/menorca\/category\/portada\/\" rel=\"category tag\">Portada<\/a><\/aside>\n\t\t\t\t<h3 itemprop=\"headline\"><a href=\"https:\/\/www.psib-psoe.org\/menorca\/el-psoe-menorca-vol-impulsar-un-observatori-de-preus-que-garanteixi-el-compliment-de-la-cadena-alimentaria\/\" title=\"El PSOE Menorca vol impulsar un observatori de preus que garanteixi el compliment de la cadena aliment\u00e0ria\">El PSOE Menorca vol impulsar un observatori de preus que garanteixi el compliment de la cadena aliment\u00e0ria<\/a><\/h3>\n\t\t\t<\/header>\n\t\t<\/div>\n\t\t<div class=\"post-content\">\n\t\t\t<a href=\"https:\/\/www.psib-psoe.org\/menorca\/el-psoe-menorca-vol-impulsar-un-observatori-de-preus-que-garanteixi-el-compliment-de-la-cadena-alimentaria\/\" class=\"more-link\">Read More<\/a>\n\t\t<\/div>\n\t\t\t<aside class=\"post-bottom-meta hide\">\n\t\t<strong rel=\"author\" itemprop=\"author\" class=\"author vcard\"><span class=\"fn\">PSOE Menorca<\/span><\/strong>\n\t\t<time class=\"date published time\" datetime=\"2023-07-18T11:57:52+02:00\" itemprop=\"datePublished\" content=\"2023-07-18T11:57:52+02:00\">18\/07\/2023<\/time>\n\t\t<meta itemprop=\"dateModified\" class=\"date updated\" content=\"2023-07-18T11:57:52+02:00\">\n\t\t<span class=\"hide\" itemprop=\"publisher\" itemscope itemtype=\"https:\/\/schema.org\/Organization\">\n\t\t\t<meta itemprop=\"name\" content=\"Federaci\u00f3 Socialista de Menorca\">\n\t\t\t<span itemprop=\"logo\" itemscope itemtype=\"https:\/\/schema.org\/ImageObject\">\n\t\t\t\t<meta itemprop=\"url\" content=\"https:\/\/www.psib-psoe.org\/menorca\/wp-content\/themes\/notio-wp\/assets\/img\/logo.png\">\n\t\t\t<\/span>\n\t\t\t<meta itemprop=\"url\" content=\"https:\/\/www.psib-psoe.org\/menorca\/\">\n\t\t<\/span>\n\t\t\t\t<meta itemscope itemprop=\"mainEntityOfPage\" itemtype=\"https:\/\/schema.org\/WebPage\" itemid=\"https:\/\/www.psib-psoe.org\/menorca\/el-psoe-menorca-vol-impulsar-un-observatori-de-preus-que-garanteixi-el-compliment-de-la-cadena-alimentaria\/\">\n\t<\/aside>\n\t\t<\/article>\n<\/div>\n<div class=\"small-12 large-4 columns\">\n\t<article itemscope itemtype=\"http:\/\/schema.org\/Article\" class=\"post blog-style7 alt post-26392 type-post status-publish format-standard hentry category-federacio-de-menorca category-federacio-de-menorca-portada category-municipis category-portada\" role=\"article\">\n\t\t<figure class=\"post-gallery\"><\/figure>\n\t\t<div class=\"blog-top\">\n\t\t\t<header class=\"post-title entry-header\">\n\t\t\t\t<aside class=\"post-meta cf\">\n\t\t14\/07\/2023 \/ <a href=\"https:\/\/www.psib-psoe.org\/menorca\/category\/federacio-de-menorca\/\" rel=\"category tag\">Federaci\u00f3 de Menorca<\/a>, <a href=\"https:\/\/www.psib-psoe.org\/menorca\/category\/federacio-de-menorca-portada\/\" rel=\"category tag\">Federaci\u00f3 de Menorca - Portada<\/a>, <a href=\"https:\/\/www.psib-psoe.org\/menorca\/category\/municipis\/\" rel=\"category tag\">Municipis<\/a>, <a href=\"https:\/\/www.psib-psoe.org\/menorca\/category\/portada\/\" rel=\"category tag\">Portada<\/a><\/aside>\n\t\t\t\t<h3 itemprop=\"headline\"><a href=\"https:\/\/www.psib-psoe.org\/menorca\/el-psoe-menorca-impulsara-la-creacio-duna-comissio-al-senat-que-garanteixi-el-financament-dels-territoris-declarats-com-a-reserva-de-biosfera\/\" title=\"El PSOE Menorca impulsar\u00e0 la creaci\u00f3 d&#8217;una Comissi\u00f3 al Senat que garanteixi el finan\u00e7ament dels territoris declarats com a Reserva de Biosfera\">El PSOE Menorca impulsar\u00e0 la creaci\u00f3 d&#8217;una Comissi\u00f3 al Senat que garanteixi el finan\u00e7ament dels territoris declarats com a Reserva de Biosfera<\/a><\/h3>\n\t\t\t<\/header>\n\t\t<\/div>\n\t\t<div class=\"post-content\">\n\t\t\t<a href=\"https:\/\/www.psib-psoe.org\/menorca\/el-psoe-menorca-impulsara-la-creacio-duna-comissio-al-senat-que-garanteixi-el-financament-dels-territoris-declarats-com-a-reserva-de-biosfera\/\" class=\"more-link\">Read More<\/a>\n\t\t<\/div>\n\t\t\t<aside class=\"post-bottom-meta hide\">\n\t\t<strong rel=\"author\" itemprop=\"author\" class=\"author vcard\"><span class=\"fn\">PSOE Menorca<\/span><\/strong>\n\t\t<time class=\"date published time\" datetime=\"2023-07-14T12:07:54+02:00\" itemprop=\"datePublished\" content=\"2023-07-14T12:07:54+02:00\">14\/07\/2023<\/time>\n\t\t<meta itemprop=\"dateModified\" class=\"date updated\" content=\"2023-07-14T12:07:54+02:00\">\n\t\t<span class=\"hide\" itemprop=\"publisher\" itemscope itemtype=\"https:\/\/schema.org\/Organization\">\n\t\t\t<meta itemprop=\"name\" content=\"Federaci\u00f3 Socialista de Menorca\">\n\t\t\t<span itemprop=\"logo\" itemscope itemtype=\"https:\/\/schema.org\/ImageObject\">\n\t\t\t\t<meta itemprop=\"url\" content=\"https:\/\/www.psib-psoe.org\/menorca\/wp-content\/themes\/notio-wp\/assets\/img\/logo.png\">\n\t\t\t<\/span>\n\t\t\t<meta itemprop=\"url\" content=\"https:\/\/www.psib-psoe.org\/menorca\/\">\n\t\t<\/span>\n\t\t\t\t<meta itemscope itemprop=\"mainEntityOfPage\" itemtype=\"https:\/\/schema.org\/WebPage\" itemid=\"https:\/\/www.psib-psoe.org\/menorca\/el-psoe-menorca-impulsara-la-creacio-duna-comissio-al-senat-que-garanteixi-el-financament-dels-territoris-declarats-com-a-reserva-de-biosfera\/\">\n\t<\/aside>\n\t\t<\/article>\n<\/div>\n<div class=\"small-12 large-4 columns\">\n\t<article itemscope itemtype=\"http:\/\/schema.org\/Article\" class=\"post blog-style7 alt post-26390 type-post status-publish format-standard hentry category-federacio-de-menorca category-federacio-de-menorca-portada category-municipis category-portada\" role=\"article\">\n\t\t<figure class=\"post-gallery\"><\/figure>\n\t\t<div class=\"blog-top\">\n\t\t\t<header class=\"post-title entry-header\">\n\t\t\t\t<aside class=\"post-meta cf\">\n\t\t13\/07\/2023 \/ <a href=\"https:\/\/www.psib-psoe.org\/menorca\/category\/federacio-de-menorca\/\" rel=\"category tag\">Federaci\u00f3 de Menorca<\/a>, <a href=\"https:\/\/www.psib-psoe.org\/menorca\/category\/federacio-de-menorca-portada\/\" rel=\"category tag\">Federaci\u00f3 de Menorca - Portada<\/a>, <a href=\"https:\/\/www.psib-psoe.org\/menorca\/category\/municipis\/\" rel=\"category tag\">Municipis<\/a>, <a href=\"https:\/\/www.psib-psoe.org\/menorca\/category\/portada\/\" rel=\"category tag\">Portada<\/a><\/aside>\n\t\t\t\t<h3 itemprop=\"headline\"><a href=\"https:\/\/www.psib-psoe.org\/menorca\/el-psoe-menorca-es-proposa-impulsar-un-pla-nacional-per-tal-que-les-empreses-adoptin-jornades-laborals-hibrides\/\" title=\"El PSOE Menorca es proposa impulsar un Pla Nacional per tal que les empreses adoptin jornades laborals h\u00edbrides\">El PSOE Menorca es proposa impulsar un Pla Nacional per tal que les empreses adoptin jornades laborals h\u00edbrides<\/a><\/h3>\n\t\t\t<\/header>\n\t\t<\/div>\n\t\t<div class=\"post-content\">\n\t\t\t<a href=\"https:\/\/www.psib-psoe.org\/menorca\/el-psoe-menorca-es-proposa-impulsar-un-pla-nacional-per-tal-que-les-empreses-adoptin-jornades-laborals-hibrides\/\" class=\"more-link\">Read More<\/a>\n\t\t<\/div>\n\t\t\t<aside class=\"post-bottom-meta hide\">\n\t\t<strong rel=\"author\" itemprop=\"author\" class=\"author vcard\"><span class=\"fn\">PSOE Menorca<\/span><\/strong>\n\t\t<time class=\"date published time\" datetime=\"2023-07-13T11:51:44+02:00\" itemprop=\"datePublished\" content=\"2023-07-13T11:51:44+02:00\">13\/07\/2023<\/time>\n\t\t<meta itemprop=\"dateModified\" class=\"date updated\" content=\"2023-07-13T11:51:44+02:00\">\n\t\t<span class=\"hide\" itemprop=\"publisher\" itemscope itemtype=\"https:\/\/schema.org\/Organization\">\n\t\t\t<meta itemprop=\"name\" content=\"Federaci\u00f3 Socialista de Menorca\">\n\t\t\t<span itemprop=\"logo\" itemscope itemtype=\"https:\/\/schema.org\/ImageObject\">\n\t\t\t\t<meta itemprop=\"url\" content=\"https:\/\/www.psib-psoe.org\/menorca\/wp-content\/themes\/notio-wp\/assets\/img\/logo.png\">\n\t\t\t<\/span>\n\t\t\t<meta itemprop=\"url\" content=\"https:\/\/www.psib-psoe.org\/menorca\/\">\n\t\t<\/span>\n\t\t\t\t<meta itemscope itemprop=\"mainEntityOfPage\" itemtype=\"https:\/\/schema.org\/WebPage\" itemid=\"https:\/\/www.psib-psoe.org\/menorca\/el-psoe-menorca-es-proposa-impulsar-un-pla-nacional-per-tal-que-les-empreses-adoptin-jornades-laborals-hibrides\/\">\n\t<\/aside>\n\t\t<\/article>\n<\/div>\n<div class=\"small-12 large-4 columns\">\n\t<article itemscope itemtype=\"http:\/\/schema.org\/Article\" class=\"post blog-style7 alt post-26388 type-post status-publish format-standard hentry category-federacio-de-menorca category-federacio-de-menorca-portada category-municipis category-portada\" role=\"article\">\n\t\t<figure class=\"post-gallery\"><\/figure>\n\t\t<div class=\"blog-top\">\n\t\t\t<header class=\"post-title entry-header\">\n\t\t\t\t<aside class=\"post-meta cf\">\n\t\t12\/07\/2023 \/ <a href=\"https:\/\/www.psib-psoe.org\/menorca\/category\/federacio-de-menorca\/\" rel=\"category tag\">Federaci\u00f3 de Menorca<\/a>, <a href=\"https:\/\/www.psib-psoe.org\/menorca\/category\/federacio-de-menorca-portada\/\" rel=\"category tag\">Federaci\u00f3 de Menorca - Portada<\/a>, <a href=\"https:\/\/www.psib-psoe.org\/menorca\/category\/municipis\/\" rel=\"category tag\">Municipis<\/a>, <a href=\"https:\/\/www.psib-psoe.org\/menorca\/category\/portada\/\" rel=\"category tag\">Portada<\/a><\/aside>\n\t\t\t\t<h3 itemprop=\"headline\"><a href=\"https:\/\/www.psib-psoe.org\/menorca\/el-psoe-menorca-es-compromet-a-seguir-fent-feina-per-aconseguir-una-osp-en-obert-entre-menorca-i-barcelona\/\" title=\"El PSOE Menorca es compromet a seguir fent feina per aconseguir una OSP en obert entre Menorca i Barcelona\">El PSOE Menorca es compromet a seguir fent feina per aconseguir una OSP en obert entre Menorca i Barcelona<\/a><\/h3>\n\t\t\t<\/header>\n\t\t<\/div>\n\t\t<div class=\"post-content\">\n\t\t\t<a href=\"https:\/\/www.psib-psoe.org\/menorca\/el-psoe-menorca-es-compromet-a-seguir-fent-feina-per-aconseguir-una-osp-en-obert-entre-menorca-i-barcelona\/\" class=\"more-link\">Read More<\/a>\n\t\t<\/div>\n\t\t\t<aside class=\"post-bottom-meta hide\">\n\t\t<strong rel=\"author\" itemprop=\"author\" class=\"author vcard\"><span class=\"fn\">PSOE Menorca<\/span><\/strong>\n\t\t<time class=\"date published time\" datetime=\"2023-07-12T12:35:55+02:00\" itemprop=\"datePublished\" content=\"2023-07-12T12:35:55+02:00\">12\/07\/2023<\/time>\n\t\t<meta itemprop=\"dateModified\" class=\"date updated\" content=\"2023-07-12T12:35:55+02:00\">\n\t\t<span class=\"hide\" itemprop=\"publisher\" itemscope itemtype=\"https:\/\/schema.org\/Organization\">\n\t\t\t<meta itemprop=\"name\" content=\"Federaci\u00f3 Socialista de Menorca\">\n\t\t\t<span itemprop=\"logo\" itemscope itemtype=\"https:\/\/schema.org\/ImageObject\">\n\t\t\t\t<meta itemprop=\"url\" content=\"https:\/\/www.psib-psoe.org\/menorca\/wp-content\/themes\/notio-wp\/assets\/img\/logo.png\">\n\t\t\t<\/span>\n\t\t\t<meta itemprop=\"url\" content=\"https:\/\/www.psib-psoe.org\/menorca\/\">\n\t\t<\/span>\n\t\t\t\t<meta itemscope itemprop=\"mainEntityOfPage\" itemtype=\"https:\/\/schema.org\/WebPage\" itemid=\"https:\/\/www.psib-psoe.org\/menorca\/el-psoe-menorca-es-compromet-a-seguir-fent-feina-per-aconseguir-una-osp-en-obert-entre-menorca-i-barcelona\/\">\n\t<\/aside>\n\t\t<\/article>\n<\/div>\n<div class=\"small-12 large-4 columns\">\n\t<article itemscope itemtype=\"http:\/\/schema.org\/Article\" class=\"post blog-style7 alt post-26385 type-post status-publish format-standard has-post-thumbnail hentry category-federacio-de-menorca category-federacio-de-menorca-portada category-municipis category-portada\" role=\"article\">\n\t\t<figure class=\"post-gallery\"><img loading=\"lazy\" decoding=\"async\" width=\"600\" height=\"400\" src=\"https:\/\/www.psib-psoe.org\/menorca\/wp-content\/uploads\/tempImageH28LVk-600x400.jpg\" class=\"attachment-notio-general-x2 size-notio-general-x2 wp-post-image\" alt=\"\" srcset=\"https:\/\/www.psib-psoe.org\/menorca\/wp-content\/uploads\/tempImageH28LVk-600x400.jpg 600w, https:\/\/www.psib-psoe.org\/menorca\/wp-content\/uploads\/tempImageH28LVk-300x200.jpg 300w, https:\/\/www.psib-psoe.org\/menorca\/wp-content\/uploads\/tempImageH28LVk-900x600.jpg 900w, https:\/\/www.psib-psoe.org\/menorca\/wp-content\/uploads\/tempImageH28LVk-20x13.jpg 20w\" sizes=\"(max-width: 600px) 100vw, 600px\" \/><\/figure>\n\t\t<div class=\"blog-top\">\n\t\t\t<header class=\"post-title entry-header\">\n\t\t\t\t<aside class=\"post-meta cf\">\n\t\t11\/07\/2023 \/ <a href=\"https:\/\/www.psib-psoe.org\/menorca\/category\/federacio-de-menorca\/\" rel=\"category tag\">Federaci\u00f3 de Menorca<\/a>, <a href=\"https:\/\/www.psib-psoe.org\/menorca\/category\/federacio-de-menorca-portada\/\" rel=\"category tag\">Federaci\u00f3 de Menorca - Portada<\/a>, <a href=\"https:\/\/www.psib-psoe.org\/menorca\/category\/municipis\/\" rel=\"category tag\">Municipis<\/a>, <a href=\"https:\/\/www.psib-psoe.org\/menorca\/category\/portada\/\" rel=\"category tag\">Portada<\/a><\/aside>\n\t\t\t\t<h3 itemprop=\"headline\"><a href=\"https:\/\/www.psib-psoe.org\/menorca\/el-psoe-es-centra-en-la-joventut-universitat-i-fp-superior-gratuites-i-183-000-habitatges-publics-per-lloguer\/\" title=\"El PSOE es centra en la joventut: universitat i FP superior gratu\u00eftes i 183.000 habitatges p\u00fablics per lloguer\">El PSOE es centra en la joventut: universitat i FP superior gratu\u00eftes i 183.000 habitatges p\u00fablics per lloguer<\/a><\/h3>\n\t\t\t<\/header>\n\t\t<\/div>\n\t\t<div class=\"post-content\">\n\t\t\t<a href=\"https:\/\/www.psib-psoe.org\/menorca\/el-psoe-es-centra-en-la-joventut-universitat-i-fp-superior-gratuites-i-183-000-habitatges-publics-per-lloguer\/\" class=\"more-link\">Read More<\/a>\n\t\t<\/div>\n\t\t\t<aside class=\"post-bottom-meta hide\">\n\t\t<strong rel=\"author\" itemprop=\"author\" class=\"author vcard\"><span class=\"fn\">PSOE Menorca<\/span><\/strong>\n\t\t<time class=\"date published time\" datetime=\"2023-07-11T10:46:21+02:00\" itemprop=\"datePublished\" content=\"2023-07-11T10:46:21+02:00\">11\/07\/2023<\/time>\n\t\t<meta itemprop=\"dateModified\" class=\"date updated\" content=\"2023-07-11T11:09:16+02:00\">\n\t\t<span class=\"hide\" itemprop=\"publisher\" itemscope itemtype=\"https:\/\/schema.org\/Organization\">\n\t\t\t<meta itemprop=\"name\" content=\"Federaci\u00f3 Socialista de Menorca\">\n\t\t\t<span itemprop=\"logo\" itemscope itemtype=\"https:\/\/schema.org\/ImageObject\">\n\t\t\t\t<meta itemprop=\"url\" content=\"https:\/\/www.psib-psoe.org\/menorca\/wp-content\/themes\/notio-wp\/assets\/img\/logo.png\">\n\t\t\t<\/span>\n\t\t\t<meta itemprop=\"url\" content=\"https:\/\/www.psib-psoe.org\/menorca\/\">\n\t\t<\/span>\n\t\t\t\t<span class=\"hide\" itemprop=\"image\" itemscope itemtype=\"http:\/\/schema.org\/ImageObject\">\n\t\t\t<meta itemprop=\"url\" content=\"https:\/\/www.psib-psoe.org\/menorca\/wp-content\/uploads\/tempImageH28LVk.jpg\">\n\t\t\t<meta itemprop=\"width\" content=\"4032\">\n\t\t\t<meta itemprop=\"height\" content=\"3024\">\n\t\t<\/span>\n\t\t\t\t<meta itemscope itemprop=\"mainEntityOfPage\" itemtype=\"https:\/\/schema.org\/WebPage\" itemid=\"https:\/\/www.psib-psoe.org\/menorca\/el-psoe-es-centra-en-la-joventut-universitat-i-fp-superior-gratuites-i-183-000-habitatges-publics-per-lloguer\/\">\n\t<\/aside>\n\t\t<\/article>\n<\/div>\n<div class=\"small-12 large-4 columns\">\n\t<article itemscope itemtype=\"http:\/\/schema.org\/Article\" class=\"post blog-style7 alt post-26382 type-post status-publish format-standard has-post-thumbnail hentry category-federacio-de-menorca category-federacio-de-menorca-portada category-municipis category-portada\" role=\"article\">\n\t\t<figure class=\"post-gallery\"><img loading=\"lazy\" decoding=\"async\" width=\"600\" height=\"400\" src=\"https:\/\/www.psib-psoe.org\/menorca\/wp-content\/uploads\/BAJA-Candidatos-al-Congreso-y-al-Senado-25-600x400.jpg\" class=\"attachment-notio-general-x2 size-notio-general-x2 wp-post-image\" alt=\"\" srcset=\"https:\/\/www.psib-psoe.org\/menorca\/wp-content\/uploads\/BAJA-Candidatos-al-Congreso-y-al-Senado-25-600x400.jpg 600w, https:\/\/www.psib-psoe.org\/menorca\/wp-content\/uploads\/BAJA-Candidatos-al-Congreso-y-al-Senado-25-300x200.jpg 300w, https:\/\/www.psib-psoe.org\/menorca\/wp-content\/uploads\/BAJA-Candidatos-al-Congreso-y-al-Senado-25-768x512.jpg 768w, https:\/\/www.psib-psoe.org\/menorca\/wp-content\/uploads\/BAJA-Candidatos-al-Congreso-y-al-Senado-25-1024x683.jpg 1024w, https:\/\/www.psib-psoe.org\/menorca\/wp-content\/uploads\/BAJA-Candidatos-al-Congreso-y-al-Senado-25-150x100.jpg 150w, https:\/\/www.psib-psoe.org\/menorca\/wp-content\/uploads\/BAJA-Candidatos-al-Congreso-y-al-Senado-25-900x600.jpg 900w, https:\/\/www.psib-psoe.org\/menorca\/wp-content\/uploads\/BAJA-Candidatos-al-Congreso-y-al-Senado-25-20x13.jpg 20w\" sizes=\"(max-width: 600px) 100vw, 600px\" \/><\/figure>\n\t\t<div class=\"blog-top\">\n\t\t\t<header class=\"post-title entry-header\">\n\t\t\t\t<aside class=\"post-meta cf\">\n\t\t10\/07\/2023 \/ <a href=\"https:\/\/www.psib-psoe.org\/menorca\/category\/federacio-de-menorca\/\" rel=\"category tag\">Federaci\u00f3 de Menorca<\/a>, <a href=\"https:\/\/www.psib-psoe.org\/menorca\/category\/federacio-de-menorca-portada\/\" rel=\"category tag\">Federaci\u00f3 de Menorca - Portada<\/a>, <a href=\"https:\/\/www.psib-psoe.org\/menorca\/category\/municipis\/\" rel=\"category tag\">Municipis<\/a>, <a href=\"https:\/\/www.psib-psoe.org\/menorca\/category\/portada\/\" rel=\"category tag\">Portada<\/a><\/aside>\n\t\t\t\t<h3 itemprop=\"headline\"><a href=\"https:\/\/www.psib-psoe.org\/menorca\/seny-que-de-cervell-en-venen-per-miquel-mariano\/\" title=\"&#8220;Seny, que de cervell en venen!&#8221;, per Miquel Mariano\">&#8220;Seny, que de cervell en venen!&#8221;, per Miquel Mariano<\/a><\/h3>\n\t\t\t<\/header>\n\t\t<\/div>\n\t\t<div class=\"post-content\">\n\t\t\t<a href=\"https:\/\/www.psib-psoe.org\/menorca\/seny-que-de-cervell-en-venen-per-miquel-mariano\/\" class=\"more-link\">Read More<\/a>\n\t\t<\/div>\n\t\t\t<aside class=\"post-bottom-meta hide\">\n\t\t<strong rel=\"author\" itemprop=\"author\" class=\"author vcard\"><span class=\"fn\">PSOE Menorca<\/span><\/strong>\n\t\t<time class=\"date published time\" datetime=\"2023-07-10T10:10:29+02:00\" itemprop=\"datePublished\" content=\"2023-07-10T10:10:29+02:00\">10\/07\/2023<\/time>\n\t\t<meta itemprop=\"dateModified\" class=\"date updated\" content=\"2023-07-11T10:17:23+02:00\">\n\t\t<span class=\"hide\" itemprop=\"publisher\" itemscope itemtype=\"https:\/\/schema.org\/Organization\">\n\t\t\t<meta itemprop=\"name\" content=\"Federaci\u00f3 Socialista de Menorca\">\n\t\t\t<span itemprop=\"logo\" itemscope itemtype=\"https:\/\/schema.org\/ImageObject\">\n\t\t\t\t<meta itemprop=\"url\" content=\"https:\/\/www.psib-psoe.org\/menorca\/wp-content\/themes\/notio-wp\/assets\/img\/logo.png\">\n\t\t\t<\/span>\n\t\t\t<meta itemprop=\"url\" content=\"https:\/\/www.psib-psoe.org\/menorca\/\">\n\t\t<\/span>\n\t\t\t\t<span class=\"hide\" itemprop=\"image\" itemscope itemtype=\"http:\/\/schema.org\/ImageObject\">\n\t\t\t<meta itemprop=\"url\" content=\"https:\/\/www.psib-psoe.org\/menorca\/wp-content\/uploads\/BAJA-Candidatos-al-Congreso-y-al-Senado-25.jpg\">\n\t\t\t<meta itemprop=\"width\" content=\"4000\">\n\t\t\t<meta itemprop=\"height\" content=\"2667\">\n\t\t<\/span>\n\t\t\t\t<meta itemscope itemprop=\"mainEntityOfPage\" itemtype=\"https:\/\/schema.org\/WebPage\" itemid=\"https:\/\/www.psib-psoe.org\/menorca\/seny-que-de-cervell-en-venen-per-miquel-mariano\/\">\n\t<\/aside>\n\t\t<\/article>\n<\/div>\n<div class=\"small-12 large-4 columns\">\n\t<article itemscope itemtype=\"http:\/\/schema.org\/Article\" class=\"post blog-style7 alt post-26378 type-post status-publish format-standard has-post-thumbnail hentry category-consell-de-menorca category-federacio-de-menorca category-federacio-de-menorca-portada category-municipis category-portada\" role=\"article\">\n\t\t<figure class=\"post-gallery\"><img loading=\"lazy\" decoding=\"async\" width=\"600\" height=\"400\" src=\"https:\/\/www.psib-psoe.org\/menorca\/wp-content\/uploads\/tempImageXerNis-600x400.jpg\" class=\"attachment-notio-general-x2 size-notio-general-x2 wp-post-image\" alt=\"\" srcset=\"https:\/\/www.psib-psoe.org\/menorca\/wp-content\/uploads\/tempImageXerNis-600x400.jpg 600w, https:\/\/www.psib-psoe.org\/menorca\/wp-content\/uploads\/tempImageXerNis-300x200.jpg 300w, https:\/\/www.psib-psoe.org\/menorca\/wp-content\/uploads\/tempImageXerNis-900x600.jpg 900w, https:\/\/www.psib-psoe.org\/menorca\/wp-content\/uploads\/tempImageXerNis-20x13.jpg 20w\" sizes=\"(max-width: 600px) 100vw, 600px\" \/><\/figure>\n\t\t<div class=\"blog-top\">\n\t\t\t<header class=\"post-title entry-header\">\n\t\t\t\t<aside class=\"post-meta cf\">\n\t\t07\/07\/2023 \/ <a href=\"https:\/\/www.psib-psoe.org\/menorca\/category\/consell-de-menorca\/\" rel=\"category tag\">Consell de Menorca<\/a>, <a href=\"https:\/\/www.psib-psoe.org\/menorca\/category\/federacio-de-menorca\/\" rel=\"category tag\">Federaci\u00f3 de Menorca<\/a>, <a href=\"https:\/\/www.psib-psoe.org\/menorca\/category\/federacio-de-menorca-portada\/\" rel=\"category tag\">Federaci\u00f3 de Menorca - Portada<\/a>, <a href=\"https:\/\/www.psib-psoe.org\/menorca\/category\/municipis\/\" rel=\"category tag\">Municipis<\/a>, <a href=\"https:\/\/www.psib-psoe.org\/menorca\/category\/portada\/\" rel=\"category tag\">Portada<\/a><\/aside>\n\t\t\t\t<h3 itemprop=\"headline\"><a href=\"https:\/\/www.psib-psoe.org\/menorca\/el-psoe-menorca-inicia-una-de-les-campanyes-mes-importants-perque-estan-en-joc-els-drets-de-les-persones\/\" title=\"El PSOE Menorca inicia una de les campanyes m\u00e9s importants perqu\u00e8 estan en joc els drets de les persones\">El PSOE Menorca inicia una de les campanyes m\u00e9s importants perqu\u00e8 estan en joc els drets de les persones<\/a><\/h3>\n\t\t\t<\/header>\n\t\t<\/div>\n\t\t<div class=\"post-content\">\n\t\t\t<a href=\"https:\/\/www.psib-psoe.org\/menorca\/el-psoe-menorca-inicia-una-de-les-campanyes-mes-importants-perque-estan-en-joc-els-drets-de-les-persones\/\" class=\"more-link\">Read More<\/a>\n\t\t<\/div>\n\t\t\t<aside class=\"post-bottom-meta hide\">\n\t\t<strong rel=\"author\" itemprop=\"author\" class=\"author vcard\"><span class=\"fn\">PSOE Menorca<\/span><\/strong>\n\t\t<time class=\"date published time\" datetime=\"2023-07-07T10:35:04+02:00\" itemprop=\"datePublished\" content=\"2023-07-07T10:35:04+02:00\">07\/07\/2023<\/time>\n\t\t<meta itemprop=\"dateModified\" class=\"date updated\" content=\"2023-07-07T11:02:03+02:00\">\n\t\t<span class=\"hide\" itemprop=\"publisher\" itemscope itemtype=\"https:\/\/schema.org\/Organization\">\n\t\t\t<meta itemprop=\"name\" content=\"Federaci\u00f3 Socialista de Menorca\">\n\t\t\t<span itemprop=\"logo\" itemscope itemtype=\"https:\/\/schema.org\/ImageObject\">\n\t\t\t\t<meta itemprop=\"url\" content=\"https:\/\/www.psib-psoe.org\/menorca\/wp-content\/themes\/notio-wp\/assets\/img\/logo.png\">\n\t\t\t<\/span>\n\t\t\t<meta itemprop=\"url\" content=\"https:\/\/www.psib-psoe.org\/menorca\/\">\n\t\t<\/span>\n\t\t\t\t<span class=\"hide\" itemprop=\"image\" itemscope itemtype=\"http:\/\/schema.org\/ImageObject\">\n\t\t\t<meta itemprop=\"url\" content=\"https:\/\/www.psib-psoe.org\/menorca\/wp-content\/uploads\/tempImageXerNis.jpg\">\n\t\t\t<meta itemprop=\"width\" content=\"4032\">\n\t\t\t<meta itemprop=\"height\" content=\"3024\">\n\t\t<\/span>\n\t\t\t\t<meta itemscope itemprop=\"mainEntityOfPage\" itemtype=\"https:\/\/schema.org\/WebPage\" itemid=\"https:\/\/www.psib-psoe.org\/menorca\/el-psoe-menorca-inicia-una-de-les-campanyes-mes-importants-perque-estan-en-joc-els-drets-de-les-persones\/\">\n\t<\/aside>\n\t\t<\/article>\n<\/div>\n<div class=\"small-12 large-4 columns\">\n\t<article itemscope itemtype=\"http:\/\/schema.org\/Article\" class=\"post blog-style7 alt post-26375 type-post status-publish format-standard has-post-thumbnail hentry category-federacio-de-menorca category-federacio-de-menorca-portada category-municipis category-portada\" role=\"article\">\n\t\t<figure class=\"post-gallery\"><img loading=\"lazy\" decoding=\"async\" width=\"600\" height=\"400\" src=\"https:\/\/www.psib-psoe.org\/menorca\/wp-content\/uploads\/BAJA-Candidatos-al-Congreso-y-al-Senado-29-600x400.jpg\" class=\"attachment-notio-general-x2 size-notio-general-x2 wp-post-image\" alt=\"\" srcset=\"https:\/\/www.psib-psoe.org\/menorca\/wp-content\/uploads\/BAJA-Candidatos-al-Congreso-y-al-Senado-29-600x400.jpg 600w, https:\/\/www.psib-psoe.org\/menorca\/wp-content\/uploads\/BAJA-Candidatos-al-Congreso-y-al-Senado-29-300x200.jpg 300w, https:\/\/www.psib-psoe.org\/menorca\/wp-content\/uploads\/BAJA-Candidatos-al-Congreso-y-al-Senado-29-768x512.jpg 768w, https:\/\/www.psib-psoe.org\/menorca\/wp-content\/uploads\/BAJA-Candidatos-al-Congreso-y-al-Senado-29-1024x683.jpg 1024w, https:\/\/www.psib-psoe.org\/menorca\/wp-content\/uploads\/BAJA-Candidatos-al-Congreso-y-al-Senado-29-150x100.jpg 150w, https:\/\/www.psib-psoe.org\/menorca\/wp-content\/uploads\/BAJA-Candidatos-al-Congreso-y-al-Senado-29-900x600.jpg 900w, https:\/\/www.psib-psoe.org\/menorca\/wp-content\/uploads\/BAJA-Candidatos-al-Congreso-y-al-Senado-29-20x13.jpg 20w\" sizes=\"(max-width: 600px) 100vw, 600px\" \/><\/figure>\n\t\t<div class=\"blog-top\">\n\t\t\t<header class=\"post-title entry-header\">\n\t\t\t\t<aside class=\"post-meta cf\">\n\t\t03\/07\/2023 \/ <a href=\"https:\/\/www.psib-psoe.org\/menorca\/category\/federacio-de-menorca\/\" rel=\"category tag\">Federaci\u00f3 de Menorca<\/a>, <a href=\"https:\/\/www.psib-psoe.org\/menorca\/category\/federacio-de-menorca-portada\/\" rel=\"category tag\">Federaci\u00f3 de Menorca - Portada<\/a>, <a href=\"https:\/\/www.psib-psoe.org\/menorca\/category\/municipis\/\" rel=\"category tag\">Municipis<\/a>, <a href=\"https:\/\/www.psib-psoe.org\/menorca\/category\/portada\/\" rel=\"category tag\">Portada<\/a><\/aside>\n\t\t\t\t<h3 itemprop=\"headline\"><a href=\"https:\/\/www.psib-psoe.org\/menorca\/defensem-el-pais-continuem-avancant-per-pepe-mercadal\/\" title=\"&#8220;Defensem el pa\u00eds, continuem avan\u00e7ant&#8221;, per Pepe Mercadal\">&#8220;Defensem el pa\u00eds, continuem avan\u00e7ant&#8221;, per Pepe Mercadal<\/a><\/h3>\n\t\t\t<\/header>\n\t\t<\/div>\n\t\t<div class=\"post-content\">\n\t\t\t<a href=\"https:\/\/www.psib-psoe.org\/menorca\/defensem-el-pais-continuem-avancant-per-pepe-mercadal\/\" class=\"more-link\">Read More<\/a>\n\t\t<\/div>\n\t\t\t<aside class=\"post-bottom-meta hide\">\n\t\t<strong rel=\"author\" itemprop=\"author\" class=\"author vcard\"><span class=\"fn\">PSOE Menorca<\/span><\/strong>\n\t\t<time class=\"date published time\" datetime=\"2023-07-03T09:28:47+02:00\" itemprop=\"datePublished\" content=\"2023-07-03T09:28:47+02:00\">03\/07\/2023<\/time>\n\t\t<meta itemprop=\"dateModified\" class=\"date updated\" content=\"2023-07-03T09:33:28+02:00\">\n\t\t<span class=\"hide\" itemprop=\"publisher\" itemscope itemtype=\"https:\/\/schema.org\/Organization\">\n\t\t\t<meta itemprop=\"name\" content=\"Federaci\u00f3 Socialista de Menorca\">\n\t\t\t<span itemprop=\"logo\" itemscope itemtype=\"https:\/\/schema.org\/ImageObject\">\n\t\t\t\t<meta itemprop=\"url\" content=\"https:\/\/www.psib-psoe.org\/menorca\/wp-content\/themes\/notio-wp\/assets\/img\/logo.png\">\n\t\t\t<\/span>\n\t\t\t<meta itemprop=\"url\" content=\"https:\/\/www.psib-psoe.org\/menorca\/\">\n\t\t<\/span>\n\t\t\t\t<span class=\"hide\" itemprop=\"image\" itemscope itemtype=\"http:\/\/schema.org\/ImageObject\">\n\t\t\t<meta itemprop=\"url\" content=\"https:\/\/www.psib-psoe.org\/menorca\/wp-content\/uploads\/BAJA-Candidatos-al-Congreso-y-al-Senado-29.jpg\">\n\t\t\t<meta itemprop=\"width\" content=\"4000\">\n\t\t\t<meta itemprop=\"height\" content=\"2667\">\n\t\t<\/span>\n\t\t\t\t<meta itemscope itemprop=\"mainEntityOfPage\" itemtype=\"https:\/\/schema.org\/WebPage\" itemid=\"https:\/\/www.psib-psoe.org\/menorca\/defensem-el-pais-continuem-avancant-per-pepe-mercadal\/\">\n\t<\/aside>\n\t\t<\/article>\n<\/div>\n<div class=\"small-12 large-4 columns\">\n\t<article itemscope itemtype=\"http:\/\/schema.org\/Article\" class=\"post blog-style7 alt post-26372 type-post status-publish format-standard hentry category-federacio-de-menorca category-federacio-de-menorca-portada category-municipis category-portada\" role=\"article\">\n\t\t<figure class=\"post-gallery\"><\/figure>\n\t\t<div class=\"blog-top\">\n\t\t\t<header class=\"post-title entry-header\">\n\t\t\t\t<aside class=\"post-meta cf\">\n\t\t29\/06\/2023 \/ <a href=\"https:\/\/www.psib-psoe.org\/menorca\/category\/federacio-de-menorca\/\" rel=\"category tag\">Federaci\u00f3 de Menorca<\/a>, <a href=\"https:\/\/www.psib-psoe.org\/menorca\/category\/federacio-de-menorca-portada\/\" rel=\"category tag\">Federaci\u00f3 de Menorca - Portada<\/a>, <a href=\"https:\/\/www.psib-psoe.org\/menorca\/category\/municipis\/\" rel=\"category tag\">Municipis<\/a>, <a href=\"https:\/\/www.psib-psoe.org\/menorca\/category\/portada\/\" rel=\"category tag\">Portada<\/a><\/aside>\n\t\t\t\t<h3 itemprop=\"headline\"><a href=\"https:\/\/www.psib-psoe.org\/menorca\/el-psoe-menorca-rebutja-el-pacte-pp-vox-a-les-institucions-de-balears-i-critica-que-el-pp-hagi-fet-servir-el-consell-com-a-moneda-de-canvi-per-governar-en-solitari-al-govern\/\" title=\"El PSOE Menorca rebutja el pacte PP-Vox a les institucions de Balears i critica que el PP hagi fet servir el Consell com a moneda de canvi per governar en solitari al Govern\">El PSOE Menorca rebutja el pacte PP-Vox a les institucions de Balears i critica que el PP hagi fet servir el Consell com a moneda de canvi per governar en solitari al Govern<\/a><\/h3>\n\t\t\t<\/header>\n\t\t<\/div>\n\t\t<div class=\"post-content\">\n\t\t\t<a href=\"https:\/\/www.psib-psoe.org\/menorca\/el-psoe-menorca-rebutja-el-pacte-pp-vox-a-les-institucions-de-balears-i-critica-que-el-pp-hagi-fet-servir-el-consell-com-a-moneda-de-canvi-per-governar-en-solitari-al-govern\/\" class=\"more-link\">Read More<\/a>\n\t\t<\/div>\n\t\t\t<aside class=\"post-bottom-meta hide\">\n\t\t<strong rel=\"author\" itemprop=\"author\" class=\"author vcard\"><span class=\"fn\">PSOE Menorca<\/span><\/strong>\n\t\t<time class=\"date published time\" datetime=\"2023-06-29T10:15:16+02:00\" itemprop=\"datePublished\" content=\"2023-06-29T10:15:16+02:00\">29\/06\/2023<\/time>\n\t\t<meta itemprop=\"dateModified\" class=\"date updated\" content=\"2023-06-29T10:15:16+02:00\">\n\t\t<span class=\"hide\" itemprop=\"publisher\" itemscope itemtype=\"https:\/\/schema.org\/Organization\">\n\t\t\t<meta itemprop=\"name\" content=\"Federaci\u00f3 Socialista de Menorca\">\n\t\t\t<span itemprop=\"logo\" itemscope itemtype=\"https:\/\/schema.org\/ImageObject\">\n\t\t\t\t<meta itemprop=\"url\" content=\"https:\/\/www.psib-psoe.org\/menorca\/wp-content\/themes\/notio-wp\/assets\/img\/logo.png\">\n\t\t\t<\/span>\n\t\t\t<meta itemprop=\"url\" content=\"https:\/\/www.psib-psoe.org\/menorca\/\">\n\t\t<\/span>\n\t\t\t\t<meta itemscope itemprop=\"mainEntityOfPage\" itemtype=\"https:\/\/schema.org\/WebPage\" itemid=\"https:\/\/www.psib-psoe.org\/menorca\/el-psoe-menorca-rebutja-el-pacte-pp-vox-a-les-institucions-de-balears-i-critica-que-el-pp-hagi-fet-servir-el-consell-com-a-moneda-de-canvi-per-governar-en-solitari-al-govern\/\">\n\t<\/aside>\n\t\t<\/article>\n<\/div>\n<div class=\"small-12 large-4 columns\">\n\t<article itemscope itemtype=\"http:\/\/schema.org\/Article\" class=\"post blog-style7 alt post-26370 type-post status-publish format-standard hentry category-federacio-de-menorca category-federacio-de-menorca-portada category-municipis category-portada\" role=\"article\">\n\t\t<figure class=\"post-gallery\"><\/figure>\n\t\t<div class=\"blog-top\">\n\t\t\t<header class=\"post-title entry-header\">\n\t\t\t\t<aside class=\"post-meta cf\">\n\t\t28\/06\/2023 \/ <a href=\"https:\/\/www.psib-psoe.org\/menorca\/category\/federacio-de-menorca\/\" rel=\"category tag\">Federaci\u00f3 de Menorca<\/a>, <a href=\"https:\/\/www.psib-psoe.org\/menorca\/category\/federacio-de-menorca-portada\/\" rel=\"category tag\">Federaci\u00f3 de Menorca - Portada<\/a>, <a href=\"https:\/\/www.psib-psoe.org\/menorca\/category\/municipis\/\" rel=\"category tag\">Municipis<\/a>, <a href=\"https:\/\/www.psib-psoe.org\/menorca\/category\/portada\/\" rel=\"category tag\">Portada<\/a><\/aside>\n\t\t\t\t<h3 itemprop=\"headline\"><a href=\"https:\/\/www.psib-psoe.org\/menorca\/el-psoe-menorca-se-suma-a-lesperit-reivindicatiu-del-dia-de-lorgull-lgtbiqa-perque-els-drets-del-collectiu-estan-en-perill\/\" title=\"El PSOE Menorca se suma a l\u2019esperit reivindicatiu del Dia de l\u2019Orgull LGTBIQA+ perqu\u00e8 els drets del col\u00b7lectiu estan en perill\">El PSOE Menorca se suma a l\u2019esperit reivindicatiu del Dia de l\u2019Orgull LGTBIQA+ perqu\u00e8 els drets del col\u00b7lectiu estan en perill<\/a><\/h3>\n\t\t\t<\/header>\n\t\t<\/div>\n\t\t<div class=\"post-content\">\n\t\t\t<a href=\"https:\/\/www.psib-psoe.org\/menorca\/el-psoe-menorca-se-suma-a-lesperit-reivindicatiu-del-dia-de-lorgull-lgtbiqa-perque-els-drets-del-collectiu-estan-en-perill\/\" class=\"more-link\">Read More<\/a>\n\t\t<\/div>\n\t\t\t<aside class=\"post-bottom-meta hide\">\n\t\t<strong rel=\"author\" itemprop=\"author\" class=\"author vcard\"><span class=\"fn\">PSOE Menorca<\/span><\/strong>\n\t\t<time class=\"date published time\" datetime=\"2023-06-28T09:53:36+02:00\" itemprop=\"datePublished\" content=\"2023-06-28T09:53:36+02:00\">28\/06\/2023<\/time>\n\t\t<meta itemprop=\"dateModified\" class=\"date updated\" content=\"2023-06-28T09:53:36+02:00\">\n\t\t<span class=\"hide\" itemprop=\"publisher\" itemscope itemtype=\"https:\/\/schema.org\/Organization\">\n\t\t\t<meta itemprop=\"name\" content=\"Federaci\u00f3 Socialista de Menorca\">\n\t\t\t<span itemprop=\"logo\" itemscope itemtype=\"https:\/\/schema.org\/ImageObject\">\n\t\t\t\t<meta itemprop=\"url\" content=\"https:\/\/www.psib-psoe.org\/menorca\/wp-content\/themes\/notio-wp\/assets\/img\/logo.png\">\n\t\t\t<\/span>\n\t\t\t<meta itemprop=\"url\" content=\"https:\/\/www.psib-psoe.org\/menorca\/\">\n\t\t<\/span>\n\t\t\t\t<meta itemscope itemprop=\"mainEntityOfPage\" itemtype=\"https:\/\/schema.org\/WebPage\" itemid=\"https:\/\/www.psib-psoe.org\/menorca\/el-psoe-menorca-se-suma-a-lesperit-reivindicatiu-del-dia-de-lorgull-lgtbiqa-perque-els-drets-del-collectiu-estan-en-perill\/\">\n\t<\/aside>\n\t\t<\/article>\n<\/div>\n<div class=\"small-12 large-4 columns\">\n\t<article itemscope itemtype=\"http:\/\/schema.org\/Article\" class=\"post blog-style7 alt post-26367 type-post status-publish format-standard hentry category-federacio-de-menorca category-federacio-de-menorca-portada category-municipis category-portada\" role=\"article\">\n\t\t<figure class=\"post-gallery\"><\/figure>\n\t\t<div class=\"blog-top\">\n\t\t\t<header class=\"post-title entry-header\">\n\t\t\t\t<aside class=\"post-meta cf\">\n\t\t10\/06\/2023 \/ <a href=\"https:\/\/www.psib-psoe.org\/menorca\/category\/federacio-de-menorca\/\" rel=\"category tag\">Federaci\u00f3 de Menorca<\/a>, <a href=\"https:\/\/www.psib-psoe.org\/menorca\/category\/federacio-de-menorca-portada\/\" rel=\"category tag\">Federaci\u00f3 de Menorca - Portada<\/a>, <a href=\"https:\/\/www.psib-psoe.org\/menorca\/category\/municipis\/\" rel=\"category tag\">Municipis<\/a>, <a href=\"https:\/\/www.psib-psoe.org\/menorca\/category\/portada\/\" rel=\"category tag\">Portada<\/a><\/aside>\n\t\t\t\t<h3 itemprop=\"headline\"><a href=\"https:\/\/www.psib-psoe.org\/menorca\/el-psoe-menorca-presentara-una-candidatura-propia-al-senat\/\" title=\"El PSOE Menorca presentar\u00e0 una candidatura pr\u00f2pia al Senat\">El PSOE Menorca presentar\u00e0 una candidatura pr\u00f2pia al Senat<\/a><\/h3>\n\t\t\t<\/header>\n\t\t<\/div>\n\t\t<div class=\"post-content\">\n\t\t\t<a href=\"https:\/\/www.psib-psoe.org\/menorca\/el-psoe-menorca-presentara-una-candidatura-propia-al-senat\/\" class=\"more-link\">Read More<\/a>\n\t\t<\/div>\n\t\t\t<aside class=\"post-bottom-meta hide\">\n\t\t<strong rel=\"author\" itemprop=\"author\" class=\"author vcard\"><span class=\"fn\">PSOE Menorca<\/span><\/strong>\n\t\t<time class=\"date published time\" datetime=\"2023-06-10T11:36:58+02:00\" itemprop=\"datePublished\" content=\"2023-06-10T11:36:58+02:00\">10\/06\/2023<\/time>\n\t\t<meta itemprop=\"dateModified\" class=\"date updated\" content=\"2023-06-13T11:37:52+02:00\">\n\t\t<span class=\"hide\" itemprop=\"publisher\" itemscope itemtype=\"https:\/\/schema.org\/Organization\">\n\t\t\t<meta itemprop=\"name\" content=\"Federaci\u00f3 Socialista de Menorca\">\n\t\t\t<span itemprop=\"logo\" itemscope itemtype=\"https:\/\/schema.org\/ImageObject\">\n\t\t\t\t<meta itemprop=\"url\" content=\"https:\/\/www.psib-psoe.org\/menorca\/wp-content\/themes\/notio-wp\/assets\/img\/logo.png\">\n\t\t\t<\/span>\n\t\t\t<meta itemprop=\"url\" content=\"https:\/\/www.psib-psoe.org\/menorca\/\">\n\t\t<\/span>\n\t\t\t\t<meta itemscope itemprop=\"mainEntityOfPage\" itemtype=\"https:\/\/schema.org\/WebPage\" itemid=\"https:\/\/www.psib-psoe.org\/menorca\/el-psoe-menorca-presentara-una-candidatura-propia-al-senat\/\">\n\t<\/aside>\n\t\t<\/article>\n<\/div>\n<div class=\"small-12 large-4 columns\">\n\t<article itemscope itemtype=\"http:\/\/schema.org\/Article\" class=\"post blog-style7 alt post-26364 type-post status-publish format-standard has-post-thumbnail hentry category-federacio-de-menorca category-federacio-de-menorca-portada category-municipis category-portada\" role=\"article\">\n\t\t<figure class=\"post-gallery\"><img loading=\"lazy\" decoding=\"async\" width=\"600\" height=\"400\" src=\"https:\/\/www.psib-psoe.org\/menorca\/wp-content\/uploads\/tempImageE2PnIN-600x400.jpg\" class=\"attachment-notio-general-x2 size-notio-general-x2 wp-post-image\" alt=\"\" srcset=\"https:\/\/www.psib-psoe.org\/menorca\/wp-content\/uploads\/tempImageE2PnIN-600x400.jpg 600w, https:\/\/www.psib-psoe.org\/menorca\/wp-content\/uploads\/tempImageE2PnIN-300x200.jpg 300w, https:\/\/www.psib-psoe.org\/menorca\/wp-content\/uploads\/tempImageE2PnIN-900x600.jpg 900w, https:\/\/www.psib-psoe.org\/menorca\/wp-content\/uploads\/tempImageE2PnIN-20x13.jpg 20w\" sizes=\"(max-width: 600px) 100vw, 600px\" \/><\/figure>\n\t\t<div class=\"blog-top\">\n\t\t\t<header class=\"post-title entry-header\">\n\t\t\t\t<aside class=\"post-meta cf\">\n\t\t08\/06\/2023 \/ <a href=\"https:\/\/www.psib-psoe.org\/menorca\/category\/federacio-de-menorca\/\" rel=\"category tag\">Federaci\u00f3 de Menorca<\/a>, <a href=\"https:\/\/www.psib-psoe.org\/menorca\/category\/federacio-de-menorca-portada\/\" rel=\"category tag\">Federaci\u00f3 de Menorca - Portada<\/a>, <a href=\"https:\/\/www.psib-psoe.org\/menorca\/category\/municipis\/\" rel=\"category tag\">Municipis<\/a>, <a href=\"https:\/\/www.psib-psoe.org\/menorca\/category\/portada\/\" rel=\"category tag\">Portada<\/a><\/aside>\n\t\t\t\t<h3 itemprop=\"headline\"><a href=\"https:\/\/www.psib-psoe.org\/menorca\/el-psoe-menorca-celebra-que-pepe-mercadal-sigui-el-numero-2-de-la-candidatura-al-congres-dels-diputats-encapcalada-per-francina-armengol\/\" title=\"El PSOE Menorca celebra que Pepe Mercadal sigui el n\u00famero 2 de la candidatura al Congr\u00e9s dels Diputats, encap\u00e7alada per Francina Armengol\">El PSOE Menorca celebra que Pepe Mercadal sigui el n\u00famero 2 de la candidatura al Congr\u00e9s dels Diputats, encap\u00e7alada per Francina Armengol<\/a><\/h3>\n\t\t\t<\/header>\n\t\t<\/div>\n\t\t<div class=\"post-content\">\n\t\t\t<a href=\"https:\/\/www.psib-psoe.org\/menorca\/el-psoe-menorca-celebra-que-pepe-mercadal-sigui-el-numero-2-de-la-candidatura-al-congres-dels-diputats-encapcalada-per-francina-armengol\/\" class=\"more-link\">Read More<\/a>\n\t\t<\/div>\n\t\t\t<aside class=\"post-bottom-meta hide\">\n\t\t<strong rel=\"author\" itemprop=\"author\" class=\"author vcard\"><span class=\"fn\">PSOE Menorca<\/span><\/strong>\n\t\t<time class=\"date published time\" datetime=\"2023-06-08T12:35:52+02:00\" itemprop=\"datePublished\" content=\"2023-06-08T12:35:52+02:00\">08\/06\/2023<\/time>\n\t\t<meta itemprop=\"dateModified\" class=\"date updated\" content=\"2023-06-08T12:35:52+02:00\">\n\t\t<span class=\"hide\" itemprop=\"publisher\" itemscope itemtype=\"https:\/\/schema.org\/Organization\">\n\t\t\t<meta itemprop=\"name\" content=\"Federaci\u00f3 Socialista de Menorca\">\n\t\t\t<span itemprop=\"logo\" itemscope itemtype=\"https:\/\/schema.org\/ImageObject\">\n\t\t\t\t<meta itemprop=\"url\" content=\"https:\/\/www.psib-psoe.org\/menorca\/wp-content\/themes\/notio-wp\/assets\/img\/logo.png\">\n\t\t\t<\/span>\n\t\t\t<meta itemprop=\"url\" content=\"https:\/\/www.psib-psoe.org\/menorca\/\">\n\t\t<\/span>\n\t\t\t\t<span class=\"hide\" itemprop=\"image\" itemscope itemtype=\"http:\/\/schema.org\/ImageObject\">\n\t\t\t<meta itemprop=\"url\" content=\"https:\/\/www.psib-psoe.org\/menorca\/wp-content\/uploads\/tempImageE2PnIN.jpg\">\n\t\t\t<meta itemprop=\"width\" content=\"4032\">\n\t\t\t<meta itemprop=\"height\" content=\"3024\">\n\t\t<\/span>\n\t\t\t\t<meta itemscope itemprop=\"mainEntityOfPage\" itemtype=\"https:\/\/schema.org\/WebPage\" itemid=\"https:\/\/www.psib-psoe.org\/menorca\/el-psoe-menorca-celebra-que-pepe-mercadal-sigui-el-numero-2-de-la-candidatura-al-congres-dels-diputats-encapcalada-per-francina-armengol\/\">\n\t<\/aside>\n\t\t<\/article>\n<\/div>\n<div class=\"small-12 large-4 columns\">\n\t<article itemscope itemtype=\"http:\/\/schema.org\/Article\" class=\"post blog-style7 alt post-26352 type-post status-publish format-standard has-post-thumbnail hentry category-federacio-de-menorca category-federacio-de-menorca-portada category-municipis category-portada\" role=\"article\">\n\t\t<figure class=\"post-gallery\"><img loading=\"lazy\" decoding=\"async\" width=\"600\" height=\"400\" src=\"https:\/\/www.psib-psoe.org\/menorca\/wp-content\/uploads\/tempImage8xdHd3-600x400.jpg\" class=\"attachment-notio-general-x2 size-notio-general-x2 wp-post-image\" alt=\"\" srcset=\"https:\/\/www.psib-psoe.org\/menorca\/wp-content\/uploads\/tempImage8xdHd3-600x400.jpg 600w, https:\/\/www.psib-psoe.org\/menorca\/wp-content\/uploads\/tempImage8xdHd3-300x200.jpg 300w, https:\/\/www.psib-psoe.org\/menorca\/wp-content\/uploads\/tempImage8xdHd3-900x600.jpg 900w, https:\/\/www.psib-psoe.org\/menorca\/wp-content\/uploads\/tempImage8xdHd3-20x13.jpg 20w\" sizes=\"(max-width: 600px) 100vw, 600px\" \/><\/figure>\n\t\t<div class=\"blog-top\">\n\t\t\t<header class=\"post-title entry-header\">\n\t\t\t\t<aside class=\"post-meta cf\">\n\t\t31\/05\/2023 \/ <a href=\"https:\/\/www.psib-psoe.org\/menorca\/category\/federacio-de-menorca\/\" rel=\"category tag\">Federaci\u00f3 de Menorca<\/a>, <a href=\"https:\/\/www.psib-psoe.org\/menorca\/category\/federacio-de-menorca-portada\/\" rel=\"category tag\">Federaci\u00f3 de Menorca - Portada<\/a>, <a href=\"https:\/\/www.psib-psoe.org\/menorca\/category\/municipis\/\" rel=\"category tag\">Municipis<\/a>, <a href=\"https:\/\/www.psib-psoe.org\/menorca\/category\/portada\/\" rel=\"category tag\">Portada<\/a><\/aside>\n\t\t\t\t<h3 itemprop=\"headline\"><a href=\"https:\/\/www.psib-psoe.org\/menorca\/el-psoe-menorca-es-marca-com-a-objectiu-guanyar-les-eleccions-generals-de-23j-perque-estan-en-joc-els-pilars-de-lestat-de-benestar-del-pais\/\" title=\"El PSOE Menorca es marca com a objectiu guanyar les eleccions generals de 23J perqu\u00e8 estan en joc els pilars de l&#8217;estat de benestar del pa\u00eds\">El PSOE Menorca es marca com a objectiu guanyar les eleccions generals de 23J perqu\u00e8 estan en joc els pilars de l&#8217;estat de benestar del pa\u00eds<\/a><\/h3>\n\t\t\t<\/header>\n\t\t<\/div>\n\t\t<div class=\"post-content\">\n\t\t\t<a href=\"https:\/\/www.psib-psoe.org\/menorca\/el-psoe-menorca-es-marca-com-a-objectiu-guanyar-les-eleccions-generals-de-23j-perque-estan-en-joc-els-pilars-de-lestat-de-benestar-del-pais\/\" class=\"more-link\">Read More<\/a>\n\t\t<\/div>\n\t\t\t<aside class=\"post-bottom-meta hide\">\n\t\t<strong rel=\"author\" itemprop=\"author\" class=\"author vcard\"><span class=\"fn\">PSOE Menorca<\/span><\/strong>\n\t\t<time class=\"date published time\" datetime=\"2023-05-31T10:13:35+02:00\" itemprop=\"datePublished\" content=\"2023-05-31T10:13:35+02:00\">31\/05\/2023<\/time>\n\t\t<meta itemprop=\"dateModified\" class=\"date updated\" content=\"2023-05-31T10:13:35+02:00\">\n\t\t<span class=\"hide\" itemprop=\"publisher\" itemscope itemtype=\"https:\/\/schema.org\/Organization\">\n\t\t\t<meta itemprop=\"name\" content=\"Federaci\u00f3 Socialista de Menorca\">\n\t\t\t<span itemprop=\"logo\" itemscope itemtype=\"https:\/\/schema.org\/ImageObject\">\n\t\t\t\t<meta itemprop=\"url\" content=\"https:\/\/www.psib-psoe.org\/menorca\/wp-content\/themes\/notio-wp\/assets\/img\/logo.png\">\n\t\t\t<\/span>\n\t\t\t<meta itemprop=\"url\" content=\"https:\/\/www.psib-psoe.org\/menorca\/\">\n\t\t<\/span>\n\t\t\t\t<span class=\"hide\" itemprop=\"image\" itemscope itemtype=\"http:\/\/schema.org\/ImageObject\">\n\t\t\t<meta itemprop=\"url\" content=\"https:\/\/www.psib-psoe.org\/menorca\/wp-content\/uploads\/tempImage8xdHd3.jpg\">\n\t\t\t<meta itemprop=\"width\" content=\"4032\">\n\t\t\t<meta itemprop=\"height\" content=\"3024\">\n\t\t<\/span>\n\t\t\t\t<meta itemscope itemprop=\"mainEntityOfPage\" itemtype=\"https:\/\/schema.org\/WebPage\" itemid=\"https:\/\/www.psib-psoe.org\/menorca\/el-psoe-menorca-es-marca-com-a-objectiu-guanyar-les-eleccions-generals-de-23j-perque-estan-en-joc-els-pilars-de-lestat-de-benestar-del-pais\/\">\n\t<\/aside>\n\t\t<\/article>\n<\/div>\n<div class=\"small-12 large-4 columns\">\n\t<article itemscope itemtype=\"http:\/\/schema.org\/Article\" class=\"post blog-style7 alt post-26349 type-post status-publish format-standard has-post-thumbnail hentry category-federacio-de-menorca category-federacio-de-menorca-portada category-municipis category-portada\" role=\"article\">\n\t\t<figure class=\"post-gallery\"><img loading=\"lazy\" decoding=\"async\" width=\"600\" height=\"400\" src=\"https:\/\/www.psib-psoe.org\/menorca\/wp-content\/uploads\/tempImageJPhDwl-600x400.jpg\" class=\"attachment-notio-general-x2 size-notio-general-x2 wp-post-image\" alt=\"\" srcset=\"https:\/\/www.psib-psoe.org\/menorca\/wp-content\/uploads\/tempImageJPhDwl-600x400.jpg 600w, https:\/\/www.psib-psoe.org\/menorca\/wp-content\/uploads\/tempImageJPhDwl-300x200.jpg 300w, https:\/\/www.psib-psoe.org\/menorca\/wp-content\/uploads\/tempImageJPhDwl-900x600.jpg 900w, https:\/\/www.psib-psoe.org\/menorca\/wp-content\/uploads\/tempImageJPhDwl-20x13.jpg 20w\" sizes=\"(max-width: 600px) 100vw, 600px\" \/><\/figure>\n\t\t<div class=\"blog-top\">\n\t\t\t<header class=\"post-title entry-header\">\n\t\t\t\t<aside class=\"post-meta cf\">\n\t\t26\/05\/2023 \/ <a href=\"https:\/\/www.psib-psoe.org\/menorca\/category\/federacio-de-menorca\/\" rel=\"category tag\">Federaci\u00f3 de Menorca<\/a>, <a href=\"https:\/\/www.psib-psoe.org\/menorca\/category\/federacio-de-menorca-portada\/\" rel=\"category tag\">Federaci\u00f3 de Menorca - Portada<\/a>, <a href=\"https:\/\/www.psib-psoe.org\/menorca\/category\/municipis\/\" rel=\"category tag\">Municipis<\/a>, <a href=\"https:\/\/www.psib-psoe.org\/menorca\/category\/portada\/\" rel=\"category tag\">Portada<\/a><\/aside>\n\t\t\t\t<h3 itemprop=\"headline\"><a href=\"https:\/\/www.psib-psoe.org\/menorca\/susana-mora-cada-vot-es-decisiu-i-aquest-diumenge-ens-jugam-continuar-amb-el-model-que-estimam-o-destruir-lo-i-torar-enrere\/\" title=\"Susana Mora: &#8220;Cada vot \u00e9s decisiu i aquest diumenge ens jugam continuar amb el model que estimam o destruir-lo i tornar enrere&#8221;\">Susana Mora: &#8220;Cada vot \u00e9s decisiu i aquest diumenge ens jugam continuar amb el model que estimam o destruir-lo i tornar enrere&#8221;<\/a><\/h3>\n\t\t\t<\/header>\n\t\t<\/div>\n\t\t<div class=\"post-content\">\n\t\t\t<a href=\"https:\/\/www.psib-psoe.org\/menorca\/susana-mora-cada-vot-es-decisiu-i-aquest-diumenge-ens-jugam-continuar-amb-el-model-que-estimam-o-destruir-lo-i-torar-enrere\/\" class=\"more-link\">Read More<\/a>\n\t\t<\/div>\n\t\t\t<aside class=\"post-bottom-meta hide\">\n\t\t<strong rel=\"author\" itemprop=\"author\" class=\"author vcard\"><span class=\"fn\">PSOE Menorca<\/span><\/strong>\n\t\t<time class=\"date published time\" datetime=\"2023-05-26T17:18:45+02:00\" itemprop=\"datePublished\" content=\"2023-05-26T17:18:45+02:00\">26\/05\/2023<\/time>\n\t\t<meta itemprop=\"dateModified\" class=\"date updated\" content=\"2023-05-31T10:15:06+02:00\">\n\t\t<span class=\"hide\" itemprop=\"publisher\" itemscope itemtype=\"https:\/\/schema.org\/Organization\">\n\t\t\t<meta itemprop=\"name\" content=\"Federaci\u00f3 Socialista de Menorca\">\n\t\t\t<span itemprop=\"logo\" itemscope itemtype=\"https:\/\/schema.org\/ImageObject\">\n\t\t\t\t<meta itemprop=\"url\" content=\"https:\/\/www.psib-psoe.org\/menorca\/wp-content\/themes\/notio-wp\/assets\/img\/logo.png\">\n\t\t\t<\/span>\n\t\t\t<meta itemprop=\"url\" content=\"https:\/\/www.psib-psoe.org\/menorca\/\">\n\t\t<\/span>\n\t\t\t\t<span class=\"hide\" itemprop=\"image\" itemscope itemtype=\"http:\/\/schema.org\/ImageObject\">\n\t\t\t<meta itemprop=\"url\" content=\"https:\/\/www.psib-psoe.org\/menorca\/wp-content\/uploads\/tempImageJPhDwl.jpg\">\n\t\t\t<meta itemprop=\"width\" content=\"3592\">\n\t\t\t<meta itemprop=\"height\" content=\"3024\">\n\t\t<\/span>\n\t\t\t\t<meta itemscope itemprop=\"mainEntityOfPage\" itemtype=\"https:\/\/schema.org\/WebPage\" itemid=\"https:\/\/www.psib-psoe.org\/menorca\/susana-mora-cada-vot-es-decisiu-i-aquest-diumenge-ens-jugam-continuar-amb-el-model-que-estimam-o-destruir-lo-i-torar-enrere\/\">\n\t<\/aside>\n\t\t<\/article>\n<\/div>\n<div class=\"small-12 large-4 columns\">\n\t<article itemscope itemtype=\"http:\/\/schema.org\/Article\" class=\"post blog-style7 alt post-26346 type-post status-publish format-standard has-post-thumbnail hentry category-federacio-de-menorca category-federacio-de-menorca-portada category-mao category-municipis category-portada\" role=\"article\">\n\t\t<figure class=\"post-gallery\"><img loading=\"lazy\" decoding=\"async\" width=\"600\" height=\"400\" src=\"https:\/\/www.psib-psoe.org\/menorca\/wp-content\/uploads\/tempImageEwIIM3-600x400.jpg\" class=\"attachment-notio-general-x2 size-notio-general-x2 wp-post-image\" alt=\"\" srcset=\"https:\/\/www.psib-psoe.org\/menorca\/wp-content\/uploads\/tempImageEwIIM3-600x400.jpg 600w, https:\/\/www.psib-psoe.org\/menorca\/wp-content\/uploads\/tempImageEwIIM3-300x200.jpg 300w, https:\/\/www.psib-psoe.org\/menorca\/wp-content\/uploads\/tempImageEwIIM3-900x600.jpg 900w, https:\/\/www.psib-psoe.org\/menorca\/wp-content\/uploads\/tempImageEwIIM3-20x13.jpg 20w\" sizes=\"(max-width: 600px) 100vw, 600px\" \/><\/figure>\n\t\t<div class=\"blog-top\">\n\t\t\t<header class=\"post-title entry-header\">\n\t\t\t\t<aside class=\"post-meta cf\">\n\t\t25\/05\/2023 \/ <a href=\"https:\/\/www.psib-psoe.org\/menorca\/category\/federacio-de-menorca\/\" rel=\"category tag\">Federaci\u00f3 de Menorca<\/a>, <a href=\"https:\/\/www.psib-psoe.org\/menorca\/category\/federacio-de-menorca-portada\/\" rel=\"category tag\">Federaci\u00f3 de Menorca - Portada<\/a>, <a href=\"https:\/\/www.psib-psoe.org\/menorca\/category\/mao\/\" rel=\"category tag\">Ma\u00f3<\/a>, <a href=\"https:\/\/www.psib-psoe.org\/menorca\/category\/municipis\/\" rel=\"category tag\">Municipis<\/a>, <a href=\"https:\/\/www.psib-psoe.org\/menorca\/category\/portada\/\" rel=\"category tag\">Portada<\/a><\/aside>\n\t\t\t\t<h3 itemprop=\"headline\"><a href=\"https:\/\/www.psib-psoe.org\/menorca\/susana-mora-la-rapida-solucio-del-problema-de-laigua-es-fonamental-per-menorca\/\" title=\"Susana Mora: &#8220;La r\u00e0pida soluci\u00f3 del problema de l&#8217;aigua \u00e9s fonamental per Menorca&#8221;\">Susana Mora: &#8220;La r\u00e0pida soluci\u00f3 del problema de l&#8217;aigua \u00e9s fonamental per Menorca&#8221;<\/a><\/h3>\n\t\t\t<\/header>\n\t\t<\/div>\n\t\t<div class=\"post-content\">\n\t\t\t<a href=\"https:\/\/www.psib-psoe.org\/menorca\/susana-mora-la-rapida-solucio-del-problema-de-laigua-es-fonamental-per-menorca\/\" class=\"more-link\">Read More<\/a>\n\t\t<\/div>\n\t\t\t<aside class=\"post-bottom-meta hide\">\n\t\t<strong rel=\"author\" itemprop=\"author\" class=\"author vcard\"><span class=\"fn\">PSOE Menorca<\/span><\/strong>\n\t\t<time class=\"date published time\" datetime=\"2023-05-25T18:30:37+02:00\" itemprop=\"datePublished\" content=\"2023-05-25T18:30:37+02:00\">25\/05\/2023<\/time>\n\t\t<meta itemprop=\"dateModified\" class=\"date updated\" content=\"2023-05-25T18:30:37+02:00\">\n\t\t<span class=\"hide\" itemprop=\"publisher\" itemscope itemtype=\"https:\/\/schema.org\/Organization\">\n\t\t\t<meta itemprop=\"name\" content=\"Federaci\u00f3 Socialista de Menorca\">\n\t\t\t<span itemprop=\"logo\" itemscope itemtype=\"https:\/\/schema.org\/ImageObject\">\n\t\t\t\t<meta itemprop=\"url\" content=\"https:\/\/www.psib-psoe.org\/menorca\/wp-content\/themes\/notio-wp\/assets\/img\/logo.png\">\n\t\t\t<\/span>\n\t\t\t<meta itemprop=\"url\" content=\"https:\/\/www.psib-psoe.org\/menorca\/\">\n\t\t<\/span>\n\t\t\t\t<span class=\"hide\" itemprop=\"image\" itemscope itemtype=\"http:\/\/schema.org\/ImageObject\">\n\t\t\t<meta itemprop=\"url\" content=\"https:\/\/www.psib-psoe.org\/menorca\/wp-content\/uploads\/tempImageEwIIM3.jpg\">\n\t\t\t<meta itemprop=\"width\" content=\"4032\">\n\t\t\t<meta itemprop=\"height\" content=\"3024\">\n\t\t<\/span>\n\t\t\t\t<meta itemscope itemprop=\"mainEntityOfPage\" itemtype=\"https:\/\/schema.org\/WebPage\" itemid=\"https:\/\/www.psib-psoe.org\/menorca\/susana-mora-la-rapida-solucio-del-problema-de-laigua-es-fonamental-per-menorca\/\">\n\t<\/aside>\n\t\t<\/article>\n<\/div>\n<div class=\"small-12 large-4 columns\">\n\t<article itemscope itemtype=\"http:\/\/schema.org\/Article\" class=\"post blog-style7 alt post-26343 type-post status-publish format-standard has-post-thumbnail hentry category-alaior category-federacio-de-menorca category-federacio-de-menorca-portada category-municipis category-portada\" role=\"article\">\n\t\t<figure class=\"post-gallery\"><img loading=\"lazy\" decoding=\"async\" width=\"600\" height=\"400\" src=\"https:\/\/www.psib-psoe.org\/menorca\/wp-content\/uploads\/tempImageNm59hu-600x400.jpg\" class=\"attachment-notio-general-x2 size-notio-general-x2 wp-post-image\" alt=\"\" srcset=\"https:\/\/www.psib-psoe.org\/menorca\/wp-content\/uploads\/tempImageNm59hu-600x400.jpg 600w, https:\/\/www.psib-psoe.org\/menorca\/wp-content\/uploads\/tempImageNm59hu-300x200.jpg 300w, https:\/\/www.psib-psoe.org\/menorca\/wp-content\/uploads\/tempImageNm59hu-900x600.jpg 900w, https:\/\/www.psib-psoe.org\/menorca\/wp-content\/uploads\/tempImageNm59hu-20x13.jpg 20w\" sizes=\"(max-width: 600px) 100vw, 600px\" \/><\/figure>\n\t\t<div class=\"blog-top\">\n\t\t\t<header class=\"post-title entry-header\">\n\t\t\t\t<aside class=\"post-meta cf\">\n\t\t24\/05\/2023 \/ <a href=\"https:\/\/www.psib-psoe.org\/menorca\/category\/alaior\/\" rel=\"category tag\">Alaior<\/a>, <a href=\"https:\/\/www.psib-psoe.org\/menorca\/category\/federacio-de-menorca\/\" rel=\"category tag\">Federaci\u00f3 de Menorca<\/a>, <a href=\"https:\/\/www.psib-psoe.org\/menorca\/category\/federacio-de-menorca-portada\/\" rel=\"category tag\">Federaci\u00f3 de Menorca - Portada<\/a>, <a href=\"https:\/\/www.psib-psoe.org\/menorca\/category\/municipis\/\" rel=\"category tag\">Municipis<\/a>, <a href=\"https:\/\/www.psib-psoe.org\/menorca\/category\/portada\/\" rel=\"category tag\">Portada<\/a><\/aside>\n\t\t\t\t<h3 itemprop=\"headline\"><a href=\"https:\/\/www.psib-psoe.org\/menorca\/susana-mora-reduirem-el-preu-del-lloguer-dels-pisos-de-proteccio-oficial-a-un-20-maxim-dels-ingressos-mensuals-per-al-jovent\/\" title=\"Susana Mora: &#8220;Reduirem el preu del lloguer dels pisos de protecci\u00f3 oficial a un 20% m\u00e0xim dels ingressos mensuals per al jovent&#8221;\">Susana Mora: &#8220;Reduirem el preu del lloguer dels pisos de protecci\u00f3 oficial a un 20% m\u00e0xim dels ingressos mensuals per al jovent&#8221;<\/a><\/h3>\n\t\t\t<\/header>\n\t\t<\/div>\n\t\t<div class=\"post-content\">\n\t\t\t<a href=\"https:\/\/www.psib-psoe.org\/menorca\/susana-mora-reduirem-el-preu-del-lloguer-dels-pisos-de-proteccio-oficial-a-un-20-maxim-dels-ingressos-mensuals-per-al-jovent\/\" class=\"more-link\">Read More<\/a>\n\t\t<\/div>\n\t\t\t<aside class=\"post-bottom-meta hide\">\n\t\t<strong rel=\"author\" itemprop=\"author\" class=\"author vcard\"><span class=\"fn\">PSOE Menorca<\/span><\/strong>\n\t\t<time class=\"date published time\" datetime=\"2023-05-24T16:37:20+02:00\" itemprop=\"datePublished\" content=\"2023-05-24T16:37:20+02:00\">24\/05\/2023<\/time>\n\t\t<meta itemprop=\"dateModified\" class=\"date updated\" content=\"2023-05-24T16:40:43+02:00\">\n\t\t<span class=\"hide\" itemprop=\"publisher\" itemscope itemtype=\"https:\/\/schema.org\/Organization\">\n\t\t\t<meta itemprop=\"name\" content=\"Federaci\u00f3 Socialista de Menorca\">\n\t\t\t<span itemprop=\"logo\" itemscope itemtype=\"https:\/\/schema.org\/ImageObject\">\n\t\t\t\t<meta itemprop=\"url\" content=\"https:\/\/www.psib-psoe.org\/menorca\/wp-content\/themes\/notio-wp\/assets\/img\/logo.png\">\n\t\t\t<\/span>\n\t\t\t<meta itemprop=\"url\" content=\"https:\/\/www.psib-psoe.org\/menorca\/\">\n\t\t<\/span>\n\t\t\t\t<span class=\"hide\" itemprop=\"image\" itemscope itemtype=\"http:\/\/schema.org\/ImageObject\">\n\t\t\t<meta itemprop=\"url\" content=\"https:\/\/www.psib-psoe.org\/menorca\/wp-content\/uploads\/tempImageNm59hu.jpg\">\n\t\t\t<meta itemprop=\"width\" content=\"4032\">\n\t\t\t<meta itemprop=\"height\" content=\"3024\">\n\t\t<\/span>\n\t\t\t\t<meta itemscope itemprop=\"mainEntityOfPage\" itemtype=\"https:\/\/schema.org\/WebPage\" itemid=\"https:\/\/www.psib-psoe.org\/menorca\/susana-mora-reduirem-el-preu-del-lloguer-dels-pisos-de-proteccio-oficial-a-un-20-maxim-dels-ingressos-mensuals-per-al-jovent\/\">\n\t<\/aside>\n\t\t<\/article>\n<\/div>\n<div class=\"small-12 large-4 columns\">\n\t<article itemscope itemtype=\"http:\/\/schema.org\/Article\" class=\"post blog-style7 alt post-26360 type-post status-publish format-standard has-post-thumbnail hentry category-federacio-de-menorca category-federacio-de-menorca-portada category-municipis category-portada\" role=\"article\">\n\t\t<figure class=\"post-gallery\"><img loading=\"lazy\" decoding=\"async\" width=\"600\" height=\"400\" src=\"https:\/\/www.psib-psoe.org\/menorca\/wp-content\/uploads\/tempImageCIYOv1-600x400.jpg\" class=\"attachment-notio-general-x2 size-notio-general-x2 wp-post-image\" alt=\"\" srcset=\"https:\/\/www.psib-psoe.org\/menorca\/wp-content\/uploads\/tempImageCIYOv1-600x400.jpg 600w, https:\/\/www.psib-psoe.org\/menorca\/wp-content\/uploads\/tempImageCIYOv1-300x200.jpg 300w, https:\/\/www.psib-psoe.org\/menorca\/wp-content\/uploads\/tempImageCIYOv1-900x600.jpg 900w, https:\/\/www.psib-psoe.org\/menorca\/wp-content\/uploads\/tempImageCIYOv1-20x13.jpg 20w\" sizes=\"(max-width: 600px) 100vw, 600px\" \/><\/figure>\n\t\t<div class=\"blog-top\">\n\t\t\t<header class=\"post-title entry-header\">\n\t\t\t\t<aside class=\"post-meta cf\">\n\t\t23\/05\/2023 \/ <a href=\"https:\/\/www.psib-psoe.org\/menorca\/category\/federacio-de-menorca\/\" rel=\"category tag\">Federaci\u00f3 de Menorca<\/a>, <a href=\"https:\/\/www.psib-psoe.org\/menorca\/category\/federacio-de-menorca-portada\/\" rel=\"category tag\">Federaci\u00f3 de Menorca - Portada<\/a>, <a href=\"https:\/\/www.psib-psoe.org\/menorca\/category\/municipis\/\" rel=\"category tag\">Municipis<\/a>, <a href=\"https:\/\/www.psib-psoe.org\/menorca\/category\/portada\/\" rel=\"category tag\">Portada<\/a><\/aside>\n\t\t\t\t<h3 itemprop=\"headline\"><a href=\"https:\/\/www.psib-psoe.org\/menorca\/susana-mora-el-pp-representa-el-model-territorial-que-tants-territoris-volen-defugir-com-mallorca-i-eivissa\/\" title=\"Susana Mora: &#8220;El PP representa el model territorial que tants territoris volen defugir, com Mallorca i Eivissa&#8221;\">Susana Mora: &#8220;El PP representa el model territorial que tants territoris volen defugir, com Mallorca i Eivissa&#8221;<\/a><\/h3>\n\t\t\t<\/header>\n\t\t<\/div>\n\t\t<div class=\"post-content\">\n\t\t\t<a href=\"https:\/\/www.psib-psoe.org\/menorca\/susana-mora-el-pp-representa-el-model-territorial-que-tants-territoris-volen-defugir-com-mallorca-i-eivissa\/\" class=\"more-link\">Read More<\/a>\n\t\t<\/div>\n\t\t\t<aside class=\"post-bottom-meta hide\">\n\t\t<strong rel=\"author\" itemprop=\"author\" class=\"author vcard\"><span class=\"fn\">PSOE Menorca<\/span><\/strong>\n\t\t<time class=\"date published time\" datetime=\"2023-05-23T10:28:44+02:00\" itemprop=\"datePublished\" content=\"2023-05-23T10:28:44+02:00\">23\/05\/2023<\/time>\n\t\t<meta itemprop=\"dateModified\" class=\"date updated\" content=\"2023-05-31T10:31:16+02:00\">\n\t\t<span class=\"hide\" itemprop=\"publisher\" itemscope itemtype=\"https:\/\/schema.org\/Organization\">\n\t\t\t<meta itemprop=\"name\" content=\"Federaci\u00f3 Socialista de Menorca\">\n\t\t\t<span itemprop=\"logo\" itemscope itemtype=\"https:\/\/schema.org\/ImageObject\">\n\t\t\t\t<meta itemprop=\"url\" content=\"https:\/\/www.psib-psoe.org\/menorca\/wp-content\/themes\/notio-wp\/assets\/img\/logo.png\">\n\t\t\t<\/span>\n\t\t\t<meta itemprop=\"url\" content=\"https:\/\/www.psib-psoe.org\/menorca\/\">\n\t\t<\/span>\n\t\t\t\t<span class=\"hide\" itemprop=\"image\" itemscope itemtype=\"http:\/\/schema.org\/ImageObject\">\n\t\t\t<meta itemprop=\"url\" content=\"https:\/\/www.psib-psoe.org\/menorca\/wp-content\/uploads\/tempImageCIYOv1.jpg\">\n\t\t\t<meta itemprop=\"width\" content=\"4032\">\n\t\t\t<meta itemprop=\"height\" content=\"3024\">\n\t\t<\/span>\n\t\t\t\t<meta itemscope itemprop=\"mainEntityOfPage\" itemtype=\"https:\/\/schema.org\/WebPage\" itemid=\"https:\/\/www.psib-psoe.org\/menorca\/susana-mora-el-pp-representa-el-model-territorial-que-tants-territoris-volen-defugir-com-mallorca-i-eivissa\/\">\n\t<\/aside>\n\t\t<\/article>\n<\/div>\n<div class=\"small-12 large-4 columns\">\n\t<article itemscope itemtype=\"http:\/\/schema.org\/Article\" class=\"post blog-style7 alt post-26356 type-post status-publish format-standard has-post-thumbnail hentry category-federacio-de-menorca category-federacio-de-menorca-portada category-municipis category-portada\" role=\"article\">\n\t\t<figure class=\"post-gallery\"><img loading=\"lazy\" decoding=\"async\" width=\"600\" height=\"400\" src=\"https:\/\/www.psib-psoe.org\/menorca\/wp-content\/uploads\/IMG_7162-600x400.jpeg\" class=\"attachment-notio-general-x2 size-notio-general-x2 wp-post-image\" alt=\"\" srcset=\"https:\/\/www.psib-psoe.org\/menorca\/wp-content\/uploads\/IMG_7162-600x400.jpeg 600w, https:\/\/www.psib-psoe.org\/menorca\/wp-content\/uploads\/IMG_7162-300x200.jpeg 300w, https:\/\/www.psib-psoe.org\/menorca\/wp-content\/uploads\/IMG_7162-900x600.jpeg 900w, https:\/\/www.psib-psoe.org\/menorca\/wp-content\/uploads\/IMG_7162-20x13.jpeg 20w\" sizes=\"(max-width: 600px) 100vw, 600px\" \/><\/figure>\n\t\t<div class=\"blog-top\">\n\t\t\t<header class=\"post-title entry-header\">\n\t\t\t\t<aside class=\"post-meta cf\">\n\t\t22\/05\/2023 \/ <a href=\"https:\/\/www.psib-psoe.org\/menorca\/category\/federacio-de-menorca\/\" rel=\"category tag\">Federaci\u00f3 de Menorca<\/a>, <a href=\"https:\/\/www.psib-psoe.org\/menorca\/category\/federacio-de-menorca-portada\/\" rel=\"category tag\">Federaci\u00f3 de Menorca - Portada<\/a>, <a href=\"https:\/\/www.psib-psoe.org\/menorca\/category\/municipis\/\" rel=\"category tag\">Municipis<\/a>, <a href=\"https:\/\/www.psib-psoe.org\/menorca\/category\/portada\/\" rel=\"category tag\">Portada<\/a><\/aside>\n\t\t\t\t<h3 itemprop=\"headline\"><a href=\"https:\/\/www.psib-psoe.org\/menorca\/susana-mora-hem-de-poder-disposar-de-la-millor-i-mes-rapida-atencio-sanitaria-a-menorca-i-acabar-amb-les-llistes-despera\/\" title=\"Susana Mora: \u201cHem de poder disposar de la millor i m\u00e9s r\u00e0pida atenci\u00f3 sanit\u00e0ria a Menorca, i acabar amb les llistes d\u2019espera\u201d\">Susana Mora: \u201cHem de poder disposar de la millor i m\u00e9s r\u00e0pida atenci\u00f3 sanit\u00e0ria a Menorca, i acabar amb les llistes d\u2019espera\u201d<\/a><\/h3>\n\t\t\t<\/header>\n\t\t<\/div>\n\t\t<div class=\"post-content\">\n\t\t\t<a href=\"https:\/\/www.psib-psoe.org\/menorca\/susana-mora-hem-de-poder-disposar-de-la-millor-i-mes-rapida-atencio-sanitaria-a-menorca-i-acabar-amb-les-llistes-despera\/\" class=\"more-link\">Read More<\/a>\n\t\t<\/div>\n\t\t\t<aside class=\"post-bottom-meta hide\">\n\t\t<strong rel=\"author\" itemprop=\"author\" class=\"author vcard\"><span class=\"fn\">PSOE Menorca<\/span><\/strong>\n\t\t<time class=\"date published time\" datetime=\"2023-05-22T10:18:08+02:00\" itemprop=\"datePublished\" content=\"2023-05-22T10:18:08+02:00\">22\/05\/2023<\/time>\n\t\t<meta itemprop=\"dateModified\" class=\"date updated\" content=\"2023-05-31T10:26:40+02:00\">\n\t\t<span class=\"hide\" itemprop=\"publisher\" itemscope itemtype=\"https:\/\/schema.org\/Organization\">\n\t\t\t<meta itemprop=\"name\" content=\"Federaci\u00f3 Socialista de Menorca\">\n\t\t\t<span itemprop=\"logo\" itemscope itemtype=\"https:\/\/schema.org\/ImageObject\">\n\t\t\t\t<meta itemprop=\"url\" content=\"https:\/\/www.psib-psoe.org\/menorca\/wp-content\/themes\/notio-wp\/assets\/img\/logo.png\">\n\t\t\t<\/span>\n\t\t\t<meta itemprop=\"url\" content=\"https:\/\/www.psib-psoe.org\/menorca\/\">\n\t\t<\/span>\n\t\t\t\t<span class=\"hide\" itemprop=\"image\" itemscope itemtype=\"http:\/\/schema.org\/ImageObject\">\n\t\t\t<meta itemprop=\"url\" content=\"https:\/\/www.psib-psoe.org\/menorca\/wp-content\/uploads\/IMG_7162.jpeg\">\n\t\t\t<meta itemprop=\"width\" content=\"4032\">\n\t\t\t<meta itemprop=\"height\" content=\"3024\">\n\t\t<\/span>\n\t\t\t\t<meta itemscope itemprop=\"mainEntityOfPage\" itemtype=\"https:\/\/schema.org\/WebPage\" itemid=\"https:\/\/www.psib-psoe.org\/menorca\/susana-mora-hem-de-poder-disposar-de-la-millor-i-mes-rapida-atencio-sanitaria-a-menorca-i-acabar-amb-les-llistes-despera\/\">\n\t<\/aside>\n\t\t<\/article>\n<\/div>\n<div class=\"small-12 large-4 columns\">\n\t<article itemscope itemtype=\"http:\/\/schema.org\/Article\" class=\"post blog-style7 alt post-26313 type-post status-publish format-standard has-post-thumbnail hentry category-federacio-de-menorca category-federacio-de-menorca-portada category-municipis category-portada\" role=\"article\">\n\t\t<figure class=\"post-gallery\"><img loading=\"lazy\" decoding=\"async\" width=\"600\" height=\"400\" src=\"https:\/\/www.psib-psoe.org\/menorca\/wp-content\/uploads\/Camp-600x400.jpg\" class=\"attachment-notio-general-x2 size-notio-general-x2 wp-post-image\" alt=\"\" srcset=\"https:\/\/www.psib-psoe.org\/menorca\/wp-content\/uploads\/Camp-600x400.jpg 600w, https:\/\/www.psib-psoe.org\/menorca\/wp-content\/uploads\/Camp-300x200.jpg 300w, https:\/\/www.psib-psoe.org\/menorca\/wp-content\/uploads\/Camp-900x600.jpg 900w, https:\/\/www.psib-psoe.org\/menorca\/wp-content\/uploads\/Camp-20x13.jpg 20w\" sizes=\"(max-width: 600px) 100vw, 600px\" \/><\/figure>\n\t\t<div class=\"blog-top\">\n\t\t\t<header class=\"post-title entry-header\">\n\t\t\t\t<aside class=\"post-meta cf\">\n\t\t20\/05\/2023 \/ <a href=\"https:\/\/www.psib-psoe.org\/menorca\/category\/federacio-de-menorca\/\" rel=\"category tag\">Federaci\u00f3 de Menorca<\/a>, <a href=\"https:\/\/www.psib-psoe.org\/menorca\/category\/federacio-de-menorca-portada\/\" rel=\"category tag\">Federaci\u00f3 de Menorca - Portada<\/a>, <a href=\"https:\/\/www.psib-psoe.org\/menorca\/category\/municipis\/\" rel=\"category tag\">Municipis<\/a>, <a href=\"https:\/\/www.psib-psoe.org\/menorca\/category\/portada\/\" rel=\"category tag\">Portada<\/a><\/aside>\n\t\t\t\t<h3 itemprop=\"headline\"><a href=\"https:\/\/www.psib-psoe.org\/menorca\/susana-mora-la-gent-del-camp-ha-de-poder-viure-al-camp-i-del-camp\/\" title=\"Susana Mora: \u201cLa gent del camp i de la mar ha de poder viure al camp i de la mar&#8221;\">Susana Mora: \u201cLa gent del camp i de la mar ha de poder viure al camp i de la mar&#8221;<\/a><\/h3>\n\t\t\t<\/header>\n\t\t<\/div>\n\t\t<div class=\"post-content\">\n\t\t\t<a href=\"https:\/\/www.psib-psoe.org\/menorca\/susana-mora-la-gent-del-camp-ha-de-poder-viure-al-camp-i-del-camp\/\" class=\"more-link\">Read More<\/a>\n\t\t<\/div>\n\t\t\t<aside class=\"post-bottom-meta hide\">\n\t\t<strong rel=\"author\" itemprop=\"author\" class=\"author vcard\"><span class=\"fn\">PSOE Menorca<\/span><\/strong>\n\t\t<time class=\"date published time\" datetime=\"2023-05-20T08:43:34+02:00\" itemprop=\"datePublished\" content=\"2023-05-20T08:43:34+02:00\">20\/05\/2023<\/time>\n\t\t<meta itemprop=\"dateModified\" class=\"date updated\" content=\"2023-05-22T08:47:09+02:00\">\n\t\t<span class=\"hide\" itemprop=\"publisher\" itemscope itemtype=\"https:\/\/schema.org\/Organization\">\n\t\t\t<meta itemprop=\"name\" content=\"Federaci\u00f3 Socialista de Menorca\">\n\t\t\t<span itemprop=\"logo\" itemscope itemtype=\"https:\/\/schema.org\/ImageObject\">\n\t\t\t\t<meta itemprop=\"url\" content=\"https:\/\/www.psib-psoe.org\/menorca\/wp-content\/themes\/notio-wp\/assets\/img\/logo.png\">\n\t\t\t<\/span>\n\t\t\t<meta itemprop=\"url\" content=\"https:\/\/www.psib-psoe.org\/menorca\/\">\n\t\t<\/span>\n\t\t\t\t<span class=\"hide\" itemprop=\"image\" itemscope itemtype=\"http:\/\/schema.org\/ImageObject\">\n\t\t\t<meta itemprop=\"url\" content=\"https:\/\/www.psib-psoe.org\/menorca\/wp-content\/uploads\/Camp.jpg\">\n\t\t\t<meta itemprop=\"width\" content=\"4032\">\n\t\t\t<meta itemprop=\"height\" content=\"3024\">\n\t\t<\/span>\n\t\t\t\t<meta itemscope itemprop=\"mainEntityOfPage\" itemtype=\"https:\/\/schema.org\/WebPage\" itemid=\"https:\/\/www.psib-psoe.org\/menorca\/susana-mora-la-gent-del-camp-ha-de-poder-viure-al-camp-i-del-camp\/\">\n\t<\/aside>\n\t\t<\/article>\n<\/div>\n<div class=\"small-12 large-4 columns\">\n\t<article itemscope itemtype=\"http:\/\/schema.org\/Article\" class=\"post blog-style7 alt post-26318 type-post status-publish format-standard has-post-thumbnail hentry category-federacio-de-menorca category-federacio-de-menorca-portada category-municipis category-portada\" role=\"article\">\n\t\t<figure class=\"post-gallery\"><img loading=\"lazy\" decoding=\"async\" width=\"600\" height=\"400\" src=\"https:\/\/www.psib-psoe.org\/menorca\/wp-content\/uploads\/tempImagedgfQkW-600x400.jpg\" class=\"attachment-notio-general-x2 size-notio-general-x2 wp-post-image\" alt=\"\" srcset=\"https:\/\/www.psib-psoe.org\/menorca\/wp-content\/uploads\/tempImagedgfQkW-600x400.jpg 600w, https:\/\/www.psib-psoe.org\/menorca\/wp-content\/uploads\/tempImagedgfQkW-300x200.jpg 300w, https:\/\/www.psib-psoe.org\/menorca\/wp-content\/uploads\/tempImagedgfQkW-900x600.jpg 900w, https:\/\/www.psib-psoe.org\/menorca\/wp-content\/uploads\/tempImagedgfQkW-20x13.jpg 20w\" sizes=\"(max-width: 600px) 100vw, 600px\" \/><\/figure>\n\t\t<div class=\"blog-top\">\n\t\t\t<header class=\"post-title entry-header\">\n\t\t\t\t<aside class=\"post-meta cf\">\n\t\t19\/05\/2023 \/ <a href=\"https:\/\/www.psib-psoe.org\/menorca\/category\/federacio-de-menorca\/\" rel=\"category tag\">Federaci\u00f3 de Menorca<\/a>, <a href=\"https:\/\/www.psib-psoe.org\/menorca\/category\/federacio-de-menorca-portada\/\" rel=\"category tag\">Federaci\u00f3 de Menorca - Portada<\/a>, <a href=\"https:\/\/www.psib-psoe.org\/menorca\/category\/municipis\/\" rel=\"category tag\">Municipis<\/a>, <a href=\"https:\/\/www.psib-psoe.org\/menorca\/category\/portada\/\" rel=\"category tag\">Portada<\/a><\/aside>\n\t\t\t\t<h3 itemprop=\"headline\"><a href=\"https:\/\/www.psib-psoe.org\/menorca\/susana-mora-el-transport-public-ha-de-ser-la-gran-eina-que-ens-ha-de-permetre-millorar-la-mobilitat-de-tothom-aixi-com-la-convivencia-i-la-cohesio-social\/\" title=\"Susana Mora: &#8220;El transport p\u00fablic ha de ser la gran eina que ens ha de permetre millorar la mobilitat de tothom, aix\u00ed com la conviv\u00e8ncia i la cohesi\u00f3 social&#8221;\">Susana Mora: &#8220;El transport p\u00fablic ha de ser la gran eina que ens ha de permetre millorar la mobilitat de tothom, aix\u00ed com la conviv\u00e8ncia i la cohesi\u00f3 social&#8221;<\/a><\/h3>\n\t\t\t<\/header>\n\t\t<\/div>\n\t\t<div class=\"post-content\">\n\t\t\t<a href=\"https:\/\/www.psib-psoe.org\/menorca\/susana-mora-el-transport-public-ha-de-ser-la-gran-eina-que-ens-ha-de-permetre-millorar-la-mobilitat-de-tothom-aixi-com-la-convivencia-i-la-cohesio-social\/\" class=\"more-link\">Read More<\/a>\n\t\t<\/div>\n\t\t\t<aside class=\"post-bottom-meta hide\">\n\t\t<strong rel=\"author\" itemprop=\"author\" class=\"author vcard\"><span class=\"fn\">PSOE Menorca<\/span><\/strong>\n\t\t<time class=\"date published time\" datetime=\"2023-05-19T08:48:40+02:00\" itemprop=\"datePublished\" content=\"2023-05-19T08:48:40+02:00\">19\/05\/2023<\/time>\n\t\t<meta itemprop=\"dateModified\" class=\"date updated\" content=\"2023-05-22T08:52:15+02:00\">\n\t\t<span class=\"hide\" itemprop=\"publisher\" itemscope itemtype=\"https:\/\/schema.org\/Organization\">\n\t\t\t<meta itemprop=\"name\" content=\"Federaci\u00f3 Socialista de Menorca\">\n\t\t\t<span itemprop=\"logo\" itemscope itemtype=\"https:\/\/schema.org\/ImageObject\">\n\t\t\t\t<meta itemprop=\"url\" content=\"https:\/\/www.psib-psoe.org\/menorca\/wp-content\/themes\/notio-wp\/assets\/img\/logo.png\">\n\t\t\t<\/span>\n\t\t\t<meta itemprop=\"url\" content=\"https:\/\/www.psib-psoe.org\/menorca\/\">\n\t\t<\/span>\n\t\t\t\t<span class=\"hide\" itemprop=\"image\" itemscope itemtype=\"http:\/\/schema.org\/ImageObject\">\n\t\t\t<meta itemprop=\"url\" content=\"https:\/\/www.psib-psoe.org\/menorca\/wp-content\/uploads\/tempImagedgfQkW.jpg\">\n\t\t\t<meta itemprop=\"width\" content=\"4032\">\n\t\t\t<meta itemprop=\"height\" content=\"3024\">\n\t\t<\/span>\n\t\t\t\t<meta itemscope itemprop=\"mainEntityOfPage\" itemtype=\"https:\/\/schema.org\/WebPage\" itemid=\"https:\/\/www.psib-psoe.org\/menorca\/susana-mora-el-transport-public-ha-de-ser-la-gran-eina-que-ens-ha-de-permetre-millorar-la-mobilitat-de-tothom-aixi-com-la-convivencia-i-la-cohesio-social\/\">\n\t<\/aside>\n\t\t<\/article>\n<\/div>\n<div class=\"small-12 large-4 columns\">\n\t<article itemscope itemtype=\"http:\/\/schema.org\/Article\" class=\"post blog-style7 alt post-26321 type-post status-publish format-standard has-post-thumbnail hentry category-federacio-de-menorca category-federacio-de-menorca-portada category-municipis category-portada\" role=\"article\">\n\t\t<figure class=\"post-gallery\"><img loading=\"lazy\" decoding=\"async\" width=\"600\" height=\"400\" src=\"https:\/\/www.psib-psoe.org\/menorca\/wp-content\/uploads\/Torrent-Mora-i-Mart\u00ed-600x400.jpg\" class=\"attachment-notio-general-x2 size-notio-general-x2 wp-post-image\" alt=\"\" srcset=\"https:\/\/www.psib-psoe.org\/menorca\/wp-content\/uploads\/Torrent-Mora-i-Mart\u00ed-600x400.jpg 600w, https:\/\/www.psib-psoe.org\/menorca\/wp-content\/uploads\/Torrent-Mora-i-Mart\u00ed-300x200.jpg 300w, https:\/\/www.psib-psoe.org\/menorca\/wp-content\/uploads\/Torrent-Mora-i-Mart\u00ed-900x600.jpg 900w, https:\/\/www.psib-psoe.org\/menorca\/wp-content\/uploads\/Torrent-Mora-i-Mart\u00ed-20x13.jpg 20w\" sizes=\"(max-width: 600px) 100vw, 600px\" \/><\/figure>\n\t\t<div class=\"blog-top\">\n\t\t\t<header class=\"post-title entry-header\">\n\t\t\t\t<aside class=\"post-meta cf\">\n\t\t18\/05\/2023 \/ <a href=\"https:\/\/www.psib-psoe.org\/menorca\/category\/federacio-de-menorca\/\" rel=\"category tag\">Federaci\u00f3 de Menorca<\/a>, <a href=\"https:\/\/www.psib-psoe.org\/menorca\/category\/federacio-de-menorca-portada\/\" rel=\"category tag\">Federaci\u00f3 de Menorca - Portada<\/a>, <a href=\"https:\/\/www.psib-psoe.org\/menorca\/category\/municipis\/\" rel=\"category tag\">Municipis<\/a>, <a href=\"https:\/\/www.psib-psoe.org\/menorca\/category\/portada\/\" rel=\"category tag\">Portada<\/a><\/aside>\n\t\t\t\t<h3 itemprop=\"headline\"><a href=\"https:\/\/www.psib-psoe.org\/menorca\/susana-mora-les-persones-amb-problemes-de-salut-mental-han-de-poder-ser-ateses-a-menorca-i-amb-totes-les-garanties\/\" title=\"Susana Mora: &#8220;Les persones amb problemes de salut mental han de poder ser ateses a Menorca i amb totes les garanties\u201d\">Susana Mora: &#8220;Les persones amb problemes de salut mental han de poder ser ateses a Menorca i amb totes les garanties\u201d<\/a><\/h3>\n\t\t\t<\/header>\n\t\t<\/div>\n\t\t<div class=\"post-content\">\n\t\t\t<a href=\"https:\/\/www.psib-psoe.org\/menorca\/susana-mora-les-persones-amb-problemes-de-salut-mental-han-de-poder-ser-ateses-a-menorca-i-amb-totes-les-garanties\/\" class=\"more-link\">Read More<\/a>\n\t\t<\/div>\n\t\t\t<aside class=\"post-bottom-meta hide\">\n\t\t<strong rel=\"author\" itemprop=\"author\" class=\"author vcard\"><span class=\"fn\">PSOE Menorca<\/span><\/strong>\n\t\t<time class=\"date published time\" datetime=\"2023-05-18T08:54:09+02:00\" itemprop=\"datePublished\" content=\"2023-05-18T08:54:09+02:00\">18\/05\/2023<\/time>\n\t\t<meta itemprop=\"dateModified\" class=\"date updated\" content=\"2023-05-22T08:57:26+02:00\">\n\t\t<span class=\"hide\" itemprop=\"publisher\" itemscope itemtype=\"https:\/\/schema.org\/Organization\">\n\t\t\t<meta itemprop=\"name\" content=\"Federaci\u00f3 Socialista de Menorca\">\n\t\t\t<span itemprop=\"logo\" itemscope itemtype=\"https:\/\/schema.org\/ImageObject\">\n\t\t\t\t<meta itemprop=\"url\" content=\"https:\/\/www.psib-psoe.org\/menorca\/wp-content\/themes\/notio-wp\/assets\/img\/logo.png\">\n\t\t\t<\/span>\n\t\t\t<meta itemprop=\"url\" content=\"https:\/\/www.psib-psoe.org\/menorca\/\">\n\t\t<\/span>\n\t\t\t\t<span class=\"hide\" itemprop=\"image\" itemscope itemtype=\"http:\/\/schema.org\/ImageObject\">\n\t\t\t<meta itemprop=\"url\" content=\"https:\/\/www.psib-psoe.org\/menorca\/wp-content\/uploads\/Torrent-Mora-i-Mart\u00ed.jpg\">\n\t\t\t<meta itemprop=\"width\" content=\"4032\">\n\t\t\t<meta itemprop=\"height\" content=\"3024\">\n\t\t<\/span>\n\t\t\t\t<meta itemscope itemprop=\"mainEntityOfPage\" itemtype=\"https:\/\/schema.org\/WebPage\" itemid=\"https:\/\/www.psib-psoe.org\/menorca\/susana-mora-les-persones-amb-problemes-de-salut-mental-han-de-poder-ser-ateses-a-menorca-i-amb-totes-les-garanties\/\">\n\t<\/aside>\n\t\t<\/article>\n<\/div>\n<div class=\"small-12 large-4 columns\">\n\t<article itemscope itemtype=\"http:\/\/schema.org\/Article\" class=\"post blog-style7 alt post-26324 type-post status-publish format-standard has-post-thumbnail hentry category-federacio-de-menorca category-federacio-de-menorca-portada category-municipis category-portada\" role=\"article\">\n\t\t<figure class=\"post-gallery\"><img loading=\"lazy\" decoding=\"async\" width=\"600\" height=\"400\" src=\"https:\/\/www.psib-psoe.org\/menorca\/wp-content\/uploads\/Susana-H\u00e9ctor-i-Bep-600x400.jpg\" class=\"attachment-notio-general-x2 size-notio-general-x2 wp-post-image\" alt=\"\" srcset=\"https:\/\/www.psib-psoe.org\/menorca\/wp-content\/uploads\/Susana-H\u00e9ctor-i-Bep-600x400.jpg 600w, https:\/\/www.psib-psoe.org\/menorca\/wp-content\/uploads\/Susana-H\u00e9ctor-i-Bep-300x200.jpg 300w, https:\/\/www.psib-psoe.org\/menorca\/wp-content\/uploads\/Susana-H\u00e9ctor-i-Bep-900x600.jpg 900w, https:\/\/www.psib-psoe.org\/menorca\/wp-content\/uploads\/Susana-H\u00e9ctor-i-Bep-20x13.jpg 20w\" sizes=\"(max-width: 600px) 100vw, 600px\" \/><\/figure>\n\t\t<div class=\"blog-top\">\n\t\t\t<header class=\"post-title entry-header\">\n\t\t\t\t<aside class=\"post-meta cf\">\n\t\t17\/05\/2023 \/ <a href=\"https:\/\/www.psib-psoe.org\/menorca\/category\/federacio-de-menorca\/\" rel=\"category tag\">Federaci\u00f3 de Menorca<\/a>, <a href=\"https:\/\/www.psib-psoe.org\/menorca\/category\/federacio-de-menorca-portada\/\" rel=\"category tag\">Federaci\u00f3 de Menorca - Portada<\/a>, <a href=\"https:\/\/www.psib-psoe.org\/menorca\/category\/municipis\/\" rel=\"category tag\">Municipis<\/a>, <a href=\"https:\/\/www.psib-psoe.org\/menorca\/category\/portada\/\" rel=\"category tag\">Portada<\/a><\/aside>\n\t\t\t\t<h3 itemprop=\"headline\"><a href=\"https:\/\/www.psib-psoe.org\/menorca\/susana-mora-volem-continuar-fomentant-la-diversificacio-de-leconomia-i-retenir-el-talent-menorqui-a-lilla\/\" title=\"Susana Mora: &#8220;volem continuar fomentant la diversificaci\u00f3 de l&#8217;economia i retenir el talent menorqu\u00ed a l&#8217;illa&#8221;\">Susana Mora: &#8220;volem continuar fomentant la diversificaci\u00f3 de l&#8217;economia i retenir el talent menorqu\u00ed a l&#8217;illa&#8221;<\/a><\/h3>\n\t\t\t<\/header>\n\t\t<\/div>\n\t\t<div class=\"post-content\">\n\t\t\t<a href=\"https:\/\/www.psib-psoe.org\/menorca\/susana-mora-volem-continuar-fomentant-la-diversificacio-de-leconomia-i-retenir-el-talent-menorqui-a-lilla\/\" class=\"more-link\">Read More<\/a>\n\t\t<\/div>\n\t\t\t<aside class=\"post-bottom-meta hide\">\n\t\t<strong rel=\"author\" itemprop=\"author\" class=\"author vcard\"><span class=\"fn\">PSOE Menorca<\/span><\/strong>\n\t\t<time class=\"date published time\" datetime=\"2023-05-17T08:58:57+02:00\" itemprop=\"datePublished\" content=\"2023-05-17T08:58:57+02:00\">17\/05\/2023<\/time>\n\t\t<meta itemprop=\"dateModified\" class=\"date updated\" content=\"2023-05-22T09:02:10+02:00\">\n\t\t<span class=\"hide\" itemprop=\"publisher\" itemscope itemtype=\"https:\/\/schema.org\/Organization\">\n\t\t\t<meta itemprop=\"name\" content=\"Federaci\u00f3 Socialista de Menorca\">\n\t\t\t<span itemprop=\"logo\" itemscope itemtype=\"https:\/\/schema.org\/ImageObject\">\n\t\t\t\t<meta itemprop=\"url\" content=\"https:\/\/www.psib-psoe.org\/menorca\/wp-content\/themes\/notio-wp\/assets\/img\/logo.png\">\n\t\t\t<\/span>\n\t\t\t<meta itemprop=\"url\" content=\"https:\/\/www.psib-psoe.org\/menorca\/\">\n\t\t<\/span>\n\t\t\t\t<span class=\"hide\" itemprop=\"image\" itemscope itemtype=\"http:\/\/schema.org\/ImageObject\">\n\t\t\t<meta itemprop=\"url\" content=\"https:\/\/www.psib-psoe.org\/menorca\/wp-content\/uploads\/Susana-H\u00e9ctor-i-Bep.jpg\">\n\t\t\t<meta itemprop=\"width\" content=\"4032\">\n\t\t\t<meta itemprop=\"height\" content=\"3024\">\n\t\t<\/span>\n\t\t\t\t<meta itemscope itemprop=\"mainEntityOfPage\" itemtype=\"https:\/\/schema.org\/WebPage\" itemid=\"https:\/\/www.psib-psoe.org\/menorca\/susana-mora-volem-continuar-fomentant-la-diversificacio-de-leconomia-i-retenir-el-talent-menorqui-a-lilla\/\">\n\t<\/aside>\n\t\t<\/article>\n<\/div>\n<div class=\"small-12 large-4 columns\">\n\t<article itemscope itemtype=\"http:\/\/schema.org\/Article\" class=\"post blog-style7 alt post-26327 type-post status-publish format-standard has-post-thumbnail hentry category-federacio-de-menorca category-federacio-de-menorca-portada category-municipis category-portada\" role=\"article\">\n\t\t<figure class=\"post-gallery\"><img loading=\"lazy\" decoding=\"async\" width=\"600\" height=\"400\" src=\"https:\/\/www.psib-psoe.org\/menorca\/wp-content\/uploads\/tempImagevRFN3t-600x400.jpg\" class=\"attachment-notio-general-x2 size-notio-general-x2 wp-post-image\" alt=\"\" srcset=\"https:\/\/www.psib-psoe.org\/menorca\/wp-content\/uploads\/tempImagevRFN3t-600x400.jpg 600w, https:\/\/www.psib-psoe.org\/menorca\/wp-content\/uploads\/tempImagevRFN3t-300x200.jpg 300w, https:\/\/www.psib-psoe.org\/menorca\/wp-content\/uploads\/tempImagevRFN3t-900x600.jpg 900w, https:\/\/www.psib-psoe.org\/menorca\/wp-content\/uploads\/tempImagevRFN3t-20x13.jpg 20w\" sizes=\"(max-width: 600px) 100vw, 600px\" \/><\/figure>\n\t\t<div class=\"blog-top\">\n\t\t\t<header class=\"post-title entry-header\">\n\t\t\t\t<aside class=\"post-meta cf\">\n\t\t16\/05\/2023 \/ <a href=\"https:\/\/www.psib-psoe.org\/menorca\/category\/federacio-de-menorca\/\" rel=\"category tag\">Federaci\u00f3 de Menorca<\/a>, <a href=\"https:\/\/www.psib-psoe.org\/menorca\/category\/federacio-de-menorca-portada\/\" rel=\"category tag\">Federaci\u00f3 de Menorca - Portada<\/a>, <a href=\"https:\/\/www.psib-psoe.org\/menorca\/category\/municipis\/\" rel=\"category tag\">Municipis<\/a>, <a href=\"https:\/\/www.psib-psoe.org\/menorca\/category\/portada\/\" rel=\"category tag\">Portada<\/a><\/aside>\n\t\t\t\t<h3 itemprop=\"headline\"><a href=\"https:\/\/www.psib-psoe.org\/menorca\/susana-mora-seguim-amb-limpuls-de-lallargament-de-la-temporada-turistica-i-la-millora-de-la-mobilitat\/\" title=\"Susana Mora: &#8220;seguim amb l&#8217;impuls de l&#8217;allargament de la temporada tur\u00edstica i la millora de la mobilitat&#8221;\">Susana Mora: &#8220;seguim amb l&#8217;impuls de l&#8217;allargament de la temporada tur\u00edstica i la millora de la mobilitat&#8221;<\/a><\/h3>\n\t\t\t<\/header>\n\t\t<\/div>\n\t\t<div class=\"post-content\">\n\t\t\t<a href=\"https:\/\/www.psib-psoe.org\/menorca\/susana-mora-seguim-amb-limpuls-de-lallargament-de-la-temporada-turistica-i-la-millora-de-la-mobilitat\/\" class=\"more-link\">Read More<\/a>\n\t\t<\/div>\n\t\t\t<aside class=\"post-bottom-meta hide\">\n\t\t<strong rel=\"author\" itemprop=\"author\" class=\"author vcard\"><span class=\"fn\">PSOE Menorca<\/span><\/strong>\n\t\t<time class=\"date published time\" datetime=\"2023-05-16T09:03:26+02:00\" itemprop=\"datePublished\" content=\"2023-05-16T09:03:26+02:00\">16\/05\/2023<\/time>\n\t\t<meta itemprop=\"dateModified\" class=\"date updated\" content=\"2023-05-22T09:43:27+02:00\">\n\t\t<span class=\"hide\" itemprop=\"publisher\" itemscope itemtype=\"https:\/\/schema.org\/Organization\">\n\t\t\t<meta itemprop=\"name\" content=\"Federaci\u00f3 Socialista de Menorca\">\n\t\t\t<span itemprop=\"logo\" itemscope itemtype=\"https:\/\/schema.org\/ImageObject\">\n\t\t\t\t<meta itemprop=\"url\" content=\"https:\/\/www.psib-psoe.org\/menorca\/wp-content\/themes\/notio-wp\/assets\/img\/logo.png\">\n\t\t\t<\/span>\n\t\t\t<meta itemprop=\"url\" content=\"https:\/\/www.psib-psoe.org\/menorca\/\">\n\t\t<\/span>\n\t\t\t\t<span class=\"hide\" itemprop=\"image\" itemscope itemtype=\"http:\/\/schema.org\/ImageObject\">\n\t\t\t<meta itemprop=\"url\" content=\"https:\/\/www.psib-psoe.org\/menorca\/wp-content\/uploads\/tempImagevRFN3t.jpg\">\n\t\t\t<meta itemprop=\"width\" content=\"4032\">\n\t\t\t<meta itemprop=\"height\" content=\"3024\">\n\t\t<\/span>\n\t\t\t\t<meta itemscope itemprop=\"mainEntityOfPage\" itemtype=\"https:\/\/schema.org\/WebPage\" itemid=\"https:\/\/www.psib-psoe.org\/menorca\/susana-mora-seguim-amb-limpuls-de-lallargament-de-la-temporada-turistica-i-la-millora-de-la-mobilitat\/\">\n\t<\/aside>\n\t\t<\/article>\n<\/div>\n<div class=\"small-12 large-4 columns\">\n\t<article itemscope itemtype=\"http:\/\/schema.org\/Article\" class=\"post blog-style7 alt post-26330 type-post status-publish format-standard has-post-thumbnail hentry category-federacio-de-menorca category-federacio-de-menorca-portada category-municipis category-portada\" role=\"article\">\n\t\t<figure class=\"post-gallery\"><img loading=\"lazy\" decoding=\"async\" width=\"600\" height=\"400\" src=\"https:\/\/www.psib-psoe.org\/menorca\/wp-content\/uploads\/Habitatge-600x400.jpg\" class=\"attachment-notio-general-x2 size-notio-general-x2 wp-post-image\" alt=\"\" srcset=\"https:\/\/www.psib-psoe.org\/menorca\/wp-content\/uploads\/Habitatge-600x400.jpg 600w, https:\/\/www.psib-psoe.org\/menorca\/wp-content\/uploads\/Habitatge-300x200.jpg 300w, https:\/\/www.psib-psoe.org\/menorca\/wp-content\/uploads\/Habitatge-900x600.jpg 900w, https:\/\/www.psib-psoe.org\/menorca\/wp-content\/uploads\/Habitatge-20x13.jpg 20w\" sizes=\"(max-width: 600px) 100vw, 600px\" \/><\/figure>\n\t\t<div class=\"blog-top\">\n\t\t\t<header class=\"post-title entry-header\">\n\t\t\t\t<aside class=\"post-meta cf\">\n\t\t15\/05\/2023 \/ <a href=\"https:\/\/www.psib-psoe.org\/menorca\/category\/federacio-de-menorca\/\" rel=\"category tag\">Federaci\u00f3 de Menorca<\/a>, <a href=\"https:\/\/www.psib-psoe.org\/menorca\/category\/federacio-de-menorca-portada\/\" rel=\"category tag\">Federaci\u00f3 de Menorca - Portada<\/a>, <a href=\"https:\/\/www.psib-psoe.org\/menorca\/category\/municipis\/\" rel=\"category tag\">Municipis<\/a>, <a href=\"https:\/\/www.psib-psoe.org\/menorca\/category\/portada\/\" rel=\"category tag\">Portada<\/a><\/aside>\n\t\t\t\t<h3 itemprop=\"headline\"><a href=\"https:\/\/www.psib-psoe.org\/menorca\/susana-mora-la-nostra-prioritat-es-que-tothom-tengui-ca-seva-sense-passar-privacions\/\" title=\"Susana Mora: &#8220;La nostra prioritat \u00e9s que tothom tengui ca seva sense passar privacions&#8221;\">Susana Mora: &#8220;La nostra prioritat \u00e9s que tothom tengui ca seva sense passar privacions&#8221;<\/a><\/h3>\n\t\t\t<\/header>\n\t\t<\/div>\n\t\t<div class=\"post-content\">\n\t\t\t<a href=\"https:\/\/www.psib-psoe.org\/menorca\/susana-mora-la-nostra-prioritat-es-que-tothom-tengui-ca-seva-sense-passar-privacions\/\" class=\"more-link\">Read More<\/a>\n\t\t<\/div>\n\t\t\t<aside class=\"post-bottom-meta hide\">\n\t\t<strong rel=\"author\" itemprop=\"author\" class=\"author vcard\"><span class=\"fn\">PSOE Menorca<\/span><\/strong>\n\t\t<time class=\"date published time\" datetime=\"2023-05-15T09:17:37+02:00\" itemprop=\"datePublished\" content=\"2023-05-15T09:17:37+02:00\">15\/05\/2023<\/time>\n\t\t<meta itemprop=\"dateModified\" class=\"date updated\" content=\"2023-05-22T09:20:28+02:00\">\n\t\t<span class=\"hide\" itemprop=\"publisher\" itemscope itemtype=\"https:\/\/schema.org\/Organization\">\n\t\t\t<meta itemprop=\"name\" content=\"Federaci\u00f3 Socialista de Menorca\">\n\t\t\t<span itemprop=\"logo\" itemscope itemtype=\"https:\/\/schema.org\/ImageObject\">\n\t\t\t\t<meta itemprop=\"url\" content=\"https:\/\/www.psib-psoe.org\/menorca\/wp-content\/themes\/notio-wp\/assets\/img\/logo.png\">\n\t\t\t<\/span>\n\t\t\t<meta itemprop=\"url\" content=\"https:\/\/www.psib-psoe.org\/menorca\/\">\n\t\t<\/span>\n\t\t\t\t<span class=\"hide\" itemprop=\"image\" itemscope itemtype=\"http:\/\/schema.org\/ImageObject\">\n\t\t\t<meta itemprop=\"url\" content=\"https:\/\/www.psib-psoe.org\/menorca\/wp-content\/uploads\/Habitatge.jpg\">\n\t\t\t<meta itemprop=\"width\" content=\"4032\">\n\t\t\t<meta itemprop=\"height\" content=\"3024\">\n\t\t<\/span>\n\t\t\t\t<meta itemscope itemprop=\"mainEntityOfPage\" itemtype=\"https:\/\/schema.org\/WebPage\" itemid=\"https:\/\/www.psib-psoe.org\/menorca\/susana-mora-la-nostra-prioritat-es-que-tothom-tengui-ca-seva-sense-passar-privacions\/\">\n\t<\/aside>\n\t\t<\/article>\n<\/div>\n<div class=\"small-12 large-4 columns\">\n\t<article itemscope itemtype=\"http:\/\/schema.org\/Article\" class=\"post blog-style7 alt post-26333 type-post status-publish format-standard has-post-thumbnail hentry category-federacio-de-menorca category-federacio-de-menorca-portada category-municipis category-portada\" role=\"article\">\n\t\t<figure class=\"post-gallery\"><img loading=\"lazy\" decoding=\"async\" width=\"600\" height=\"400\" src=\"https:\/\/www.psib-psoe.org\/menorca\/wp-content\/uploads\/Susana-i-Jes\u00fas-600x400.jpg\" class=\"attachment-notio-general-x2 size-notio-general-x2 wp-post-image\" alt=\"\" srcset=\"https:\/\/www.psib-psoe.org\/menorca\/wp-content\/uploads\/Susana-i-Jes\u00fas-600x400.jpg 600w, https:\/\/www.psib-psoe.org\/menorca\/wp-content\/uploads\/Susana-i-Jes\u00fas-300x200.jpg 300w, https:\/\/www.psib-psoe.org\/menorca\/wp-content\/uploads\/Susana-i-Jes\u00fas-900x600.jpg 900w, https:\/\/www.psib-psoe.org\/menorca\/wp-content\/uploads\/Susana-i-Jes\u00fas-20x13.jpg 20w\" sizes=\"(max-width: 600px) 100vw, 600px\" \/><\/figure>\n\t\t<div class=\"blog-top\">\n\t\t\t<header class=\"post-title entry-header\">\n\t\t\t\t<aside class=\"post-meta cf\">\n\t\t14\/05\/2023 \/ <a href=\"https:\/\/www.psib-psoe.org\/menorca\/category\/federacio-de-menorca\/\" rel=\"category tag\">Federaci\u00f3 de Menorca<\/a>, <a href=\"https:\/\/www.psib-psoe.org\/menorca\/category\/federacio-de-menorca-portada\/\" rel=\"category tag\">Federaci\u00f3 de Menorca - Portada<\/a>, <a href=\"https:\/\/www.psib-psoe.org\/menorca\/category\/municipis\/\" rel=\"category tag\">Municipis<\/a>, <a href=\"https:\/\/www.psib-psoe.org\/menorca\/category\/portada\/\" rel=\"category tag\">Portada<\/a><\/aside>\n\t\t\t\t<h3 itemprop=\"headline\"><a href=\"https:\/\/www.psib-psoe.org\/menorca\/susana-mora-a-menorca-hem-de-decidir-els-menorquins-ara-toca-laigua\/\" title=\"Susana Mora: \u201cA Menorca hem de decidir els menorquins. Ara toca l\u2019aigua\u201d\">Susana Mora: \u201cA Menorca hem de decidir els menorquins. Ara toca l\u2019aigua\u201d<\/a><\/h3>\n\t\t\t<\/header>\n\t\t<\/div>\n\t\t<div class=\"post-content\">\n\t\t\t<a href=\"https:\/\/www.psib-psoe.org\/menorca\/susana-mora-a-menorca-hem-de-decidir-els-menorquins-ara-toca-laigua\/\" class=\"more-link\">Read More<\/a>\n\t\t<\/div>\n\t\t\t<aside class=\"post-bottom-meta hide\">\n\t\t<strong rel=\"author\" itemprop=\"author\" class=\"author vcard\"><span class=\"fn\">PSOE Menorca<\/span><\/strong>\n\t\t<time class=\"date published time\" datetime=\"2023-05-14T09:32:46+02:00\" itemprop=\"datePublished\" content=\"2023-05-14T09:32:46+02:00\">14\/05\/2023<\/time>\n\t\t<meta itemprop=\"dateModified\" class=\"date updated\" content=\"2023-05-22T09:41:09+02:00\">\n\t\t<span class=\"hide\" itemprop=\"publisher\" itemscope itemtype=\"https:\/\/schema.org\/Organization\">\n\t\t\t<meta itemprop=\"name\" content=\"Federaci\u00f3 Socialista de Menorca\">\n\t\t\t<span itemprop=\"logo\" itemscope itemtype=\"https:\/\/schema.org\/ImageObject\">\n\t\t\t\t<meta itemprop=\"url\" content=\"https:\/\/www.psib-psoe.org\/menorca\/wp-content\/themes\/notio-wp\/assets\/img\/logo.png\">\n\t\t\t<\/span>\n\t\t\t<meta itemprop=\"url\" content=\"https:\/\/www.psib-psoe.org\/menorca\/\">\n\t\t<\/span>\n\t\t\t\t<span class=\"hide\" itemprop=\"image\" itemscope itemtype=\"http:\/\/schema.org\/ImageObject\">\n\t\t\t<meta itemprop=\"url\" content=\"https:\/\/www.psib-psoe.org\/menorca\/wp-content\/uploads\/Susana-i-Jes\u00fas.jpg\">\n\t\t\t<meta itemprop=\"width\" content=\"4032\">\n\t\t\t<meta itemprop=\"height\" content=\"3024\">\n\t\t<\/span>\n\t\t\t\t<meta itemscope itemprop=\"mainEntityOfPage\" itemtype=\"https:\/\/schema.org\/WebPage\" itemid=\"https:\/\/www.psib-psoe.org\/menorca\/susana-mora-a-menorca-hem-de-decidir-els-menorquins-ara-toca-laigua\/\">\n\t<\/aside>\n\t\t<\/article>\n<\/div>\n<div class=\"small-12 large-4 columns\">\n\t<article itemscope itemtype=\"http:\/\/schema.org\/Article\" class=\"post blog-style7 alt post-26336 type-post status-publish format-standard has-post-thumbnail hentry category-federacio-de-menorca category-federacio-de-menorca-portada category-municipis category-portada\" role=\"article\">\n\t\t<figure class=\"post-gallery\"><img loading=\"lazy\" decoding=\"async\" width=\"600\" height=\"400\" src=\"https:\/\/www.psib-psoe.org\/menorca\/wp-content\/uploads\/H\u00e9ctor-i-Susana-600x400.jpg\" class=\"attachment-notio-general-x2 size-notio-general-x2 wp-post-image\" alt=\"\" srcset=\"https:\/\/www.psib-psoe.org\/menorca\/wp-content\/uploads\/H\u00e9ctor-i-Susana-600x400.jpg 600w, https:\/\/www.psib-psoe.org\/menorca\/wp-content\/uploads\/H\u00e9ctor-i-Susana-300x200.jpg 300w, https:\/\/www.psib-psoe.org\/menorca\/wp-content\/uploads\/H\u00e9ctor-i-Susana-900x600.jpg 900w, https:\/\/www.psib-psoe.org\/menorca\/wp-content\/uploads\/H\u00e9ctor-i-Susana-20x13.jpg 20w\" sizes=\"(max-width: 600px) 100vw, 600px\" \/><\/figure>\n\t\t<div class=\"blog-top\">\n\t\t\t<header class=\"post-title entry-header\">\n\t\t\t\t<aside class=\"post-meta cf\">\n\t\t13\/05\/2023 \/ <a href=\"https:\/\/www.psib-psoe.org\/menorca\/category\/federacio-de-menorca\/\" rel=\"category tag\">Federaci\u00f3 de Menorca<\/a>, <a href=\"https:\/\/www.psib-psoe.org\/menorca\/category\/federacio-de-menorca-portada\/\" rel=\"category tag\">Federaci\u00f3 de Menorca - Portada<\/a>, <a href=\"https:\/\/www.psib-psoe.org\/menorca\/category\/municipis\/\" rel=\"category tag\">Municipis<\/a>, <a href=\"https:\/\/www.psib-psoe.org\/menorca\/category\/portada\/\" rel=\"category tag\">Portada<\/a><\/aside>\n\t\t\t\t<h3 itemprop=\"headline\"><a href=\"https:\/\/www.psib-psoe.org\/menorca\/susana-mora-si-hem-de-viure-del-turisme-hi-hem-de-poder-conviure\/\" title=\"Susana Mora: &#8220;si hem de viure del turisme, hi hem de poder conviure&#8221;\">Susana Mora: &#8220;si hem de viure del turisme, hi hem de poder conviure&#8221;<\/a><\/h3>\n\t\t\t<\/header>\n\t\t<\/div>\n\t\t<div class=\"post-content\">\n\t\t\t<a href=\"https:\/\/www.psib-psoe.org\/menorca\/susana-mora-si-hem-de-viure-del-turisme-hi-hem-de-poder-conviure\/\" class=\"more-link\">Read More<\/a>\n\t\t<\/div>\n\t\t\t<aside class=\"post-bottom-meta hide\">\n\t\t<strong rel=\"author\" itemprop=\"author\" class=\"author vcard\"><span class=\"fn\">PSOE Menorca<\/span><\/strong>\n\t\t<time class=\"date published time\" datetime=\"2023-05-13T09:59:05+02:00\" itemprop=\"datePublished\" content=\"2023-05-13T09:59:05+02:00\">13\/05\/2023<\/time>\n\t\t<meta itemprop=\"dateModified\" class=\"date updated\" content=\"2023-05-22T10:01:34+02:00\">\n\t\t<span class=\"hide\" itemprop=\"publisher\" itemscope itemtype=\"https:\/\/schema.org\/Organization\">\n\t\t\t<meta itemprop=\"name\" content=\"Federaci\u00f3 Socialista de Menorca\">\n\t\t\t<span itemprop=\"logo\" itemscope itemtype=\"https:\/\/schema.org\/ImageObject\">\n\t\t\t\t<meta itemprop=\"url\" content=\"https:\/\/www.psib-psoe.org\/menorca\/wp-content\/themes\/notio-wp\/assets\/img\/logo.png\">\n\t\t\t<\/span>\n\t\t\t<meta itemprop=\"url\" content=\"https:\/\/www.psib-psoe.org\/menorca\/\">\n\t\t<\/span>\n\t\t\t\t<span class=\"hide\" itemprop=\"image\" itemscope itemtype=\"http:\/\/schema.org\/ImageObject\">\n\t\t\t<meta itemprop=\"url\" content=\"https:\/\/www.psib-psoe.org\/menorca\/wp-content\/uploads\/H\u00e9ctor-i-Susana.jpg\">\n\t\t\t<meta itemprop=\"width\" content=\"4032\">\n\t\t\t<meta itemprop=\"height\" content=\"3024\">\n\t\t<\/span>\n\t\t\t\t<meta itemscope itemprop=\"mainEntityOfPage\" itemtype=\"https:\/\/schema.org\/WebPage\" itemid=\"https:\/\/www.psib-psoe.org\/menorca\/susana-mora-si-hem-de-viure-del-turisme-hi-hem-de-poder-conviure\/\">\n\t<\/aside>\n\t\t<\/article>\n<\/div>\n<div class=\"small-12 large-4 columns\">\n\t<article itemscope itemtype=\"http:\/\/schema.org\/Article\" class=\"post blog-style7 alt post-26339 type-post status-publish format-standard has-post-thumbnail hentry category-federacio-de-menorca category-federacio-de-menorca-portada category-municipis category-portada\" role=\"article\">\n\t\t<figure class=\"post-gallery\"><img loading=\"lazy\" decoding=\"async\" width=\"600\" height=\"400\" src=\"https:\/\/www.psib-psoe.org\/menorca\/wp-content\/uploads\/Inici-de-campanya-600x400.jpg\" class=\"attachment-notio-general-x2 size-notio-general-x2 wp-post-image\" alt=\"\" srcset=\"https:\/\/www.psib-psoe.org\/menorca\/wp-content\/uploads\/Inici-de-campanya-600x400.jpg 600w, https:\/\/www.psib-psoe.org\/menorca\/wp-content\/uploads\/Inici-de-campanya-300x200.jpg 300w, https:\/\/www.psib-psoe.org\/menorca\/wp-content\/uploads\/Inici-de-campanya-900x600.jpg 900w, https:\/\/www.psib-psoe.org\/menorca\/wp-content\/uploads\/Inici-de-campanya-20x13.jpg 20w\" sizes=\"(max-width: 600px) 100vw, 600px\" \/><\/figure>\n\t\t<div class=\"blog-top\">\n\t\t\t<header class=\"post-title entry-header\">\n\t\t\t\t<aside class=\"post-meta cf\">\n\t\t12\/05\/2023 \/ <a href=\"https:\/\/www.psib-psoe.org\/menorca\/category\/federacio-de-menorca\/\" rel=\"category tag\">Federaci\u00f3 de Menorca<\/a>, <a href=\"https:\/\/www.psib-psoe.org\/menorca\/category\/federacio-de-menorca-portada\/\" rel=\"category tag\">Federaci\u00f3 de Menorca - Portada<\/a>, <a href=\"https:\/\/www.psib-psoe.org\/menorca\/category\/municipis\/\" rel=\"category tag\">Municipis<\/a>, <a href=\"https:\/\/www.psib-psoe.org\/menorca\/category\/portada\/\" rel=\"category tag\">Portada<\/a><\/aside>\n\t\t\t\t<h3 itemprop=\"headline\"><a href=\"https:\/\/www.psib-psoe.org\/menorca\/susana-mora-menorca-ha-de-seguir-avancant-amb-el-model-sensat-i-equilibrat-que-ha-fet-posible-la-menorca-que-tenim\/\" title=\"Susana Mora: \u201cMenorca ha de seguir avan\u00e7ant amb el model sensat i equilibrat que ha fet posible la Menorca que tenim\u201d\">Susana Mora: \u201cMenorca ha de seguir avan\u00e7ant amb el model sensat i equilibrat que ha fet posible la Menorca que tenim\u201d<\/a><\/h3>\n\t\t\t<\/header>\n\t\t<\/div>\n\t\t<div class=\"post-content\">\n\t\t\t<a href=\"https:\/\/www.psib-psoe.org\/menorca\/susana-mora-menorca-ha-de-seguir-avancant-amb-el-model-sensat-i-equilibrat-que-ha-fet-posible-la-menorca-que-tenim\/\" class=\"more-link\">Read More<\/a>\n\t\t<\/div>\n\t\t\t<aside class=\"post-bottom-meta hide\">\n\t\t<strong rel=\"author\" itemprop=\"author\" class=\"author vcard\"><span class=\"fn\">PSOE Menorca<\/span><\/strong>\n\t\t<time class=\"date published time\" datetime=\"2023-05-12T10:02:29+02:00\" itemprop=\"datePublished\" content=\"2023-05-12T10:02:29+02:00\">12\/05\/2023<\/time>\n\t\t<meta itemprop=\"dateModified\" class=\"date updated\" content=\"2023-05-22T10:04:53+02:00\">\n\t\t<span class=\"hide\" itemprop=\"publisher\" itemscope itemtype=\"https:\/\/schema.org\/Organization\">\n\t\t\t<meta itemprop=\"name\" content=\"Federaci\u00f3 Socialista de Menorca\">\n\t\t\t<span itemprop=\"logo\" itemscope itemtype=\"https:\/\/schema.org\/ImageObject\">\n\t\t\t\t<meta itemprop=\"url\" content=\"https:\/\/www.psib-psoe.org\/menorca\/wp-content\/themes\/notio-wp\/assets\/img\/logo.png\">\n\t\t\t<\/span>\n\t\t\t<meta itemprop=\"url\" content=\"https:\/\/www.psib-psoe.org\/menorca\/\">\n\t\t<\/span>\n\t\t\t\t<span class=\"hide\" itemprop=\"image\" itemscope itemtype=\"http:\/\/schema.org\/ImageObject\">\n\t\t\t<meta itemprop=\"url\" content=\"https:\/\/www.psib-psoe.org\/menorca\/wp-content\/uploads\/Inici-de-campanya.jpg\">\n\t\t\t<meta itemprop=\"width\" content=\"3694\">\n\t\t\t<meta itemprop=\"height\" content=\"3024\">\n\t\t<\/span>\n\t\t\t\t<meta itemscope itemprop=\"mainEntityOfPage\" itemtype=\"https:\/\/schema.org\/WebPage\" itemid=\"https:\/\/www.psib-psoe.org\/menorca\/susana-mora-menorca-ha-de-seguir-avancant-amb-el-model-sensat-i-equilibrat-que-ha-fet-posible-la-menorca-que-tenim\/\">\n\t<\/aside>\n\t\t<\/article>\n<\/div>\n<div class=\"small-12 large-4 columns\">\n\t<article itemscope itemtype=\"http:\/\/schema.org\/Article\" class=\"post blog-style7 alt post-26279 type-post status-publish format-standard hentry category-federacio-de-menorca category-federacio-de-menorca-portada category-municipis category-portada\" role=\"article\">\n\t\t<figure class=\"post-gallery\"><\/figure>\n\t\t<div class=\"blog-top\">\n\t\t\t<header class=\"post-title entry-header\">\n\t\t\t\t<aside class=\"post-meta cf\">\n\t\t11\/05\/2023 \/ <a href=\"https:\/\/www.psib-psoe.org\/menorca\/category\/federacio-de-menorca\/\" rel=\"category tag\">Federaci\u00f3 de Menorca<\/a>, <a href=\"https:\/\/www.psib-psoe.org\/menorca\/category\/federacio-de-menorca-portada\/\" rel=\"category tag\">Federaci\u00f3 de Menorca - Portada<\/a>, <a href=\"https:\/\/www.psib-psoe.org\/menorca\/category\/municipis\/\" rel=\"category tag\">Municipis<\/a>, <a href=\"https:\/\/www.psib-psoe.org\/menorca\/category\/portada\/\" rel=\"category tag\">Portada<\/a><\/aside>\n\t\t\t\t<h3 itemprop=\"headline\"><a href=\"https:\/\/www.psib-psoe.org\/menorca\/el-psoe-menorca-inicia-la-seva-campaya-electoral-centrada-en-tres-eixos-principals-habitatge-turisme-i-mobilitat\/\" title=\"El PSOE Menorca inicia la seva campaya electoral centrada en tres eixos principals: habitatge, turisme i mobilitat\">El PSOE Menorca inicia la seva campaya electoral centrada en tres eixos principals: habitatge, turisme i mobilitat<\/a><\/h3>\n\t\t\t<\/header>\n\t\t<\/div>\n\t\t<div class=\"post-content\">\n\t\t\t<a href=\"https:\/\/www.psib-psoe.org\/menorca\/el-psoe-menorca-inicia-la-seva-campaya-electoral-centrada-en-tres-eixos-principals-habitatge-turisme-i-mobilitat\/\" class=\"more-link\">Read More<\/a>\n\t\t<\/div>\n\t\t\t<aside class=\"post-bottom-meta hide\">\n\t\t<strong rel=\"author\" itemprop=\"author\" class=\"author vcard\"><span class=\"fn\">PSOE Menorca<\/span><\/strong>\n\t\t<time class=\"date published time\" datetime=\"2023-05-11T12:30:26+02:00\" itemprop=\"datePublished\" content=\"2023-05-11T12:30:26+02:00\">11\/05\/2023<\/time>\n\t\t<meta itemprop=\"dateModified\" class=\"date updated\" content=\"2023-05-11T12:30:26+02:00\">\n\t\t<span class=\"hide\" itemprop=\"publisher\" itemscope itemtype=\"https:\/\/schema.org\/Organization\">\n\t\t\t<meta itemprop=\"name\" content=\"Federaci\u00f3 Socialista de Menorca\">\n\t\t\t<span itemprop=\"logo\" itemscope itemtype=\"https:\/\/schema.org\/ImageObject\">\n\t\t\t\t<meta itemprop=\"url\" content=\"https:\/\/www.psib-psoe.org\/menorca\/wp-content\/themes\/notio-wp\/assets\/img\/logo.png\">\n\t\t\t<\/span>\n\t\t\t<meta itemprop=\"url\" content=\"https:\/\/www.psib-psoe.org\/menorca\/\">\n\t\t<\/span>\n\t\t\t\t<meta itemscope itemprop=\"mainEntityOfPage\" itemtype=\"https:\/\/schema.org\/WebPage\" itemid=\"https:\/\/www.psib-psoe.org\/menorca\/el-psoe-menorca-inicia-la-seva-campaya-electoral-centrada-en-tres-eixos-principals-habitatge-turisme-i-mobilitat\/\">\n\t<\/aside>\n\t\t<\/article>\n<\/div>\n<div class=\"small-12 large-4 columns\">\n\t<article itemscope itemtype=\"http:\/\/schema.org\/Article\" class=\"post blog-style7 alt post-26258 type-post status-publish format-standard has-post-thumbnail hentry category-alaior category-federacio-de-menorca category-federacio-de-menorca-portada category-municipis category-portada\" role=\"article\">\n\t\t<figure class=\"post-gallery\"><img loading=\"lazy\" decoding=\"async\" width=\"600\" height=\"400\" src=\"https:\/\/www.psib-psoe.org\/menorca\/wp-content\/uploads\/Candidatura-PSOE-Alaior-600x400.jpg\" class=\"attachment-notio-general-x2 size-notio-general-x2 wp-post-image\" alt=\"\" srcset=\"https:\/\/www.psib-psoe.org\/menorca\/wp-content\/uploads\/Candidatura-PSOE-Alaior-600x400.jpg 600w, https:\/\/www.psib-psoe.org\/menorca\/wp-content\/uploads\/Candidatura-PSOE-Alaior-300x200.jpg 300w, https:\/\/www.psib-psoe.org\/menorca\/wp-content\/uploads\/Candidatura-PSOE-Alaior-768x512.jpg 768w, https:\/\/www.psib-psoe.org\/menorca\/wp-content\/uploads\/Candidatura-PSOE-Alaior-1024x683.jpg 1024w, https:\/\/www.psib-psoe.org\/menorca\/wp-content\/uploads\/Candidatura-PSOE-Alaior-150x100.jpg 150w, https:\/\/www.psib-psoe.org\/menorca\/wp-content\/uploads\/Candidatura-PSOE-Alaior-900x600.jpg 900w, https:\/\/www.psib-psoe.org\/menorca\/wp-content\/uploads\/Candidatura-PSOE-Alaior-20x13.jpg 20w\" sizes=\"(max-width: 600px) 100vw, 600px\" \/><\/figure>\n\t\t<div class=\"blog-top\">\n\t\t\t<header class=\"post-title entry-header\">\n\t\t\t\t<aside class=\"post-meta cf\">\n\t\t13\/04\/2023 \/ <a href=\"https:\/\/www.psib-psoe.org\/menorca\/category\/alaior\/\" rel=\"category tag\">Alaior<\/a>, <a href=\"https:\/\/www.psib-psoe.org\/menorca\/category\/federacio-de-menorca\/\" rel=\"category tag\">Federaci\u00f3 de Menorca<\/a>, <a href=\"https:\/\/www.psib-psoe.org\/menorca\/category\/federacio-de-menorca-portada\/\" rel=\"category tag\">Federaci\u00f3 de Menorca - Portada<\/a>, <a href=\"https:\/\/www.psib-psoe.org\/menorca\/category\/municipis\/\" rel=\"category tag\">Municipis<\/a>, <a href=\"https:\/\/www.psib-psoe.org\/menorca\/category\/portada\/\" rel=\"category tag\">Portada<\/a><\/aside>\n\t\t\t\t<h3 itemprop=\"headline\"><a href=\"https:\/\/www.psib-psoe.org\/menorca\/toni-mir-presenta-un-equip-de-persones-format-i-plural-amb-la-voluntat-de-capgirar-la-manera-de-fer-politica-a-alaior\/\" title=\"Toni Mir presenta un equip de persones format i plural amb la voluntat de capgirar la manera de fer pol\u00edtica a Alaior\">Toni Mir presenta un equip de persones format i plural amb la voluntat de capgirar la manera de fer pol\u00edtica a Alaior<\/a><\/h3>\n\t\t\t<\/header>\n\t\t<\/div>\n\t\t<div class=\"post-content\">\n\t\t\t<a href=\"https:\/\/www.psib-psoe.org\/menorca\/toni-mir-presenta-un-equip-de-persones-format-i-plural-amb-la-voluntat-de-capgirar-la-manera-de-fer-politica-a-alaior\/\" class=\"more-link\">Read More<\/a>\n\t\t<\/div>\n\t\t\t<aside class=\"post-bottom-meta hide\">\n\t\t<strong rel=\"author\" itemprop=\"author\" class=\"author vcard\"><span class=\"fn\">PSOE Menorca<\/span><\/strong>\n\t\t<time class=\"date published time\" datetime=\"2023-04-13T12:46:48+02:00\" itemprop=\"datePublished\" content=\"2023-04-13T12:46:48+02:00\">13\/04\/2023<\/time>\n\t\t<meta itemprop=\"dateModified\" class=\"date updated\" content=\"2023-04-13T12:46:48+02:00\">\n\t\t<span class=\"hide\" itemprop=\"publisher\" itemscope itemtype=\"https:\/\/schema.org\/Organization\">\n\t\t\t<meta itemprop=\"name\" content=\"Federaci\u00f3 Socialista de Menorca\">\n\t\t\t<span itemprop=\"logo\" itemscope itemtype=\"https:\/\/schema.org\/ImageObject\">\n\t\t\t\t<meta itemprop=\"url\" content=\"https:\/\/www.psib-psoe.org\/menorca\/wp-content\/themes\/notio-wp\/assets\/img\/logo.png\">\n\t\t\t<\/span>\n\t\t\t<meta itemprop=\"url\" content=\"https:\/\/www.psib-psoe.org\/menorca\/\">\n\t\t<\/span>\n\t\t\t\t<span class=\"hide\" itemprop=\"image\" itemscope itemtype=\"http:\/\/schema.org\/ImageObject\">\n\t\t\t<meta itemprop=\"url\" content=\"https:\/\/www.psib-psoe.org\/menorca\/wp-content\/uploads\/Candidatura-PSOE-Alaior.jpg\">\n\t\t\t<meta itemprop=\"width\" content=\"6000\">\n\t\t\t<meta itemprop=\"height\" content=\"4000\">\n\t\t<\/span>\n\t\t\t\t<meta itemscope itemprop=\"mainEntityOfPage\" itemtype=\"https:\/\/schema.org\/WebPage\" itemid=\"https:\/\/www.psib-psoe.org\/menorca\/toni-mir-presenta-un-equip-de-persones-format-i-plural-amb-la-voluntat-de-capgirar-la-manera-de-fer-politica-a-alaior\/\">\n\t<\/aside>\n\t\t<\/article>\n<\/div>\n<div class=\"small-12 large-4 columns\">\n\t<article itemscope itemtype=\"http:\/\/schema.org\/Article\" class=\"post blog-style7 alt post-26255 type-post status-publish format-standard has-post-thumbnail hentry category-es-mercadal-i-fornells category-federacio-de-menorca category-federacio-de-menorca-portada category-municipis category-portada\" role=\"article\">\n\t\t<figure class=\"post-gallery\"><img loading=\"lazy\" decoding=\"async\" width=\"600\" height=\"400\" src=\"https:\/\/www.psib-psoe.org\/menorca\/wp-content\/uploads\/tempImage0R4LqK-600x400.jpg\" class=\"attachment-notio-general-x2 size-notio-general-x2 wp-post-image\" alt=\"\" srcset=\"https:\/\/www.psib-psoe.org\/menorca\/wp-content\/uploads\/tempImage0R4LqK-600x400.jpg 600w, https:\/\/www.psib-psoe.org\/menorca\/wp-content\/uploads\/tempImage0R4LqK-300x200.jpg 300w, https:\/\/www.psib-psoe.org\/menorca\/wp-content\/uploads\/tempImage0R4LqK-900x600.jpg 900w, https:\/\/www.psib-psoe.org\/menorca\/wp-content\/uploads\/tempImage0R4LqK-20x13.jpg 20w\" sizes=\"(max-width: 600px) 100vw, 600px\" \/><\/figure>\n\t\t<div class=\"blog-top\">\n\t\t\t<header class=\"post-title entry-header\">\n\t\t\t\t<aside class=\"post-meta cf\">\n\t\t08\/04\/2023 \/ <a href=\"https:\/\/www.psib-psoe.org\/menorca\/category\/es-mercadal-i-fornells\/\" rel=\"category tag\">Es Mercadal i Fornells<\/a>, <a href=\"https:\/\/www.psib-psoe.org\/menorca\/category\/federacio-de-menorca\/\" rel=\"category tag\">Federaci\u00f3 de Menorca<\/a>, <a href=\"https:\/\/www.psib-psoe.org\/menorca\/category\/federacio-de-menorca-portada\/\" rel=\"category tag\">Federaci\u00f3 de Menorca - Portada<\/a>, <a href=\"https:\/\/www.psib-psoe.org\/menorca\/category\/municipis\/\" rel=\"category tag\">Municipis<\/a>, <a href=\"https:\/\/www.psib-psoe.org\/menorca\/category\/portada\/\" rel=\"category tag\">Portada<\/a><\/aside>\n\t\t\t\t<h3 itemprop=\"headline\"><a href=\"https:\/\/www.psib-psoe.org\/menorca\/jesus-gomila-presenta-una-candidatura-compromesa-en-donar-continuitat-al-full-de-ruta-engegat-pel-psoe-as-mercadal-i-fornells\/\" title=\"Jes\u00fas Gomila presenta una candidatura compromesa en donar continu\u00eftat al full de ruta engegat pel PSOE as Mercadal i Fornells\">Jes\u00fas Gomila presenta una candidatura compromesa en donar continu\u00eftat al full de ruta engegat pel PSOE as Mercadal i Fornells<\/a><\/h3>\n\t\t\t<\/header>\n\t\t<\/div>\n\t\t<div class=\"post-content\">\n\t\t\t<a href=\"https:\/\/www.psib-psoe.org\/menorca\/jesus-gomila-presenta-una-candidatura-compromesa-en-donar-continuitat-al-full-de-ruta-engegat-pel-psoe-as-mercadal-i-fornells\/\" class=\"more-link\">Read More<\/a>\n\t\t<\/div>\n\t\t\t<aside class=\"post-bottom-meta hide\">\n\t\t<strong rel=\"author\" itemprop=\"author\" class=\"author vcard\"><span class=\"fn\">PSOE Menorca<\/span><\/strong>\n\t\t<time class=\"date published time\" datetime=\"2023-04-08T12:22:20+02:00\" itemprop=\"datePublished\" content=\"2023-04-08T12:22:20+02:00\">08\/04\/2023<\/time>\n\t\t<meta itemprop=\"dateModified\" class=\"date updated\" content=\"2023-04-13T12:39:22+02:00\">\n\t\t<span class=\"hide\" itemprop=\"publisher\" itemscope itemtype=\"https:\/\/schema.org\/Organization\">\n\t\t\t<meta itemprop=\"name\" content=\"Federaci\u00f3 Socialista de Menorca\">\n\t\t\t<span itemprop=\"logo\" itemscope itemtype=\"https:\/\/schema.org\/ImageObject\">\n\t\t\t\t<meta itemprop=\"url\" content=\"https:\/\/www.psib-psoe.org\/menorca\/wp-content\/themes\/notio-wp\/assets\/img\/logo.png\">\n\t\t\t<\/span>\n\t\t\t<meta itemprop=\"url\" content=\"https:\/\/www.psib-psoe.org\/menorca\/\">\n\t\t<\/span>\n\t\t\t\t<span class=\"hide\" itemprop=\"image\" itemscope itemtype=\"http:\/\/schema.org\/ImageObject\">\n\t\t\t<meta itemprop=\"url\" content=\"https:\/\/www.psib-psoe.org\/menorca\/wp-content\/uploads\/tempImage0R4LqK.jpg\">\n\t\t\t<meta itemprop=\"width\" content=\"4032\">\n\t\t\t<meta itemprop=\"height\" content=\"3024\">\n\t\t<\/span>\n\t\t\t\t<meta itemscope itemprop=\"mainEntityOfPage\" itemtype=\"https:\/\/schema.org\/WebPage\" itemid=\"https:\/\/www.psib-psoe.org\/menorca\/jesus-gomila-presenta-una-candidatura-compromesa-en-donar-continuitat-al-full-de-ruta-engegat-pel-psoe-as-mercadal-i-fornells\/\">\n\t<\/aside>\n\t\t<\/article>\n<\/div>\n<div class=\"small-12 large-4 columns\">\n\t<article itemscope itemtype=\"http:\/\/schema.org\/Article\" class=\"post blog-style7 alt post-26238 type-post status-publish format-standard hentry category-federacio-de-menorca category-federacio-de-menorca-portada category-municipis category-portada\" role=\"article\">\n\t\t<figure class=\"post-gallery\"><\/figure>\n\t\t<div class=\"blog-top\">\n\t\t\t<header class=\"post-title entry-header\">\n\t\t\t\t<aside class=\"post-meta cf\">\n\t\t30\/03\/2023 \/ <a href=\"https:\/\/www.psib-psoe.org\/menorca\/category\/federacio-de-menorca\/\" rel=\"category tag\">Federaci\u00f3 de Menorca<\/a>, <a href=\"https:\/\/www.psib-psoe.org\/menorca\/category\/federacio-de-menorca-portada\/\" rel=\"category tag\">Federaci\u00f3 de Menorca - Portada<\/a>, <a href=\"https:\/\/www.psib-psoe.org\/menorca\/category\/municipis\/\" rel=\"category tag\">Municipis<\/a>, <a href=\"https:\/\/www.psib-psoe.org\/menorca\/category\/portada\/\" rel=\"category tag\">Portada<\/a><\/aside>\n\t\t\t\t<h3 itemprop=\"headline\"><a href=\"https:\/\/www.psib-psoe.org\/menorca\/susana-mora-lunic-partit-capac-dabordar-el-repte-de-lhabitatge-amb-garanties-es-el-partit-socialista\/\" title=\"Susana Mora: &#8220;L&#8217;\u00fanic partit capa\u00e7 d&#8217;abordar el repte de l&#8217;habitatge amb garanties \u00e9s el Partit Socialista&#8221;\">Susana Mora: &#8220;L&#8217;\u00fanic partit capa\u00e7 d&#8217;abordar el repte de l&#8217;habitatge amb garanties \u00e9s el Partit Socialista&#8221;<\/a><\/h3>\n\t\t\t<\/header>\n\t\t<\/div>\n\t\t<div class=\"post-content\">\n\t\t\t<a href=\"https:\/\/www.psib-psoe.org\/menorca\/susana-mora-lunic-partit-capac-dabordar-el-repte-de-lhabitatge-amb-garanties-es-el-partit-socialista\/\" class=\"more-link\">Read More<\/a>\n\t\t<\/div>\n\t\t\t<aside class=\"post-bottom-meta hide\">\n\t\t<strong rel=\"author\" itemprop=\"author\" class=\"author vcard\"><span class=\"fn\">PSOE Menorca<\/span><\/strong>\n\t\t<time class=\"date published time\" datetime=\"2023-03-30T18:53:53+02:00\" itemprop=\"datePublished\" content=\"2023-03-30T18:53:53+02:00\">30\/03\/2023<\/time>\n\t\t<meta itemprop=\"dateModified\" class=\"date updated\" content=\"2023-03-31T10:18:41+02:00\">\n\t\t<span class=\"hide\" itemprop=\"publisher\" itemscope itemtype=\"https:\/\/schema.org\/Organization\">\n\t\t\t<meta itemprop=\"name\" content=\"Federaci\u00f3 Socialista de Menorca\">\n\t\t\t<span itemprop=\"logo\" itemscope itemtype=\"https:\/\/schema.org\/ImageObject\">\n\t\t\t\t<meta itemprop=\"url\" content=\"https:\/\/www.psib-psoe.org\/menorca\/wp-content\/themes\/notio-wp\/assets\/img\/logo.png\">\n\t\t\t<\/span>\n\t\t\t<meta itemprop=\"url\" content=\"https:\/\/www.psib-psoe.org\/menorca\/\">\n\t\t<\/span>\n\t\t\t\t<meta itemscope itemprop=\"mainEntityOfPage\" itemtype=\"https:\/\/schema.org\/WebPage\" itemid=\"https:\/\/www.psib-psoe.org\/menorca\/susana-mora-lunic-partit-capac-dabordar-el-repte-de-lhabitatge-amb-garanties-es-el-partit-socialista\/\">\n\t<\/aside>\n\t\t<\/article>\n<\/div>\n<div class=\"small-12 large-4 columns\">\n\t<article itemscope itemtype=\"http:\/\/schema.org\/Article\" class=\"post blog-style7 alt post-26235 type-post status-publish format-standard hentry category-federacio-de-menorca category-federacio-de-menorca-portada category-ferreries category-municipis category-portada\" role=\"article\">\n\t\t<figure class=\"post-gallery\"><\/figure>\n\t\t<div class=\"blog-top\">\n\t\t\t<header class=\"post-title entry-header\">\n\t\t\t\t<aside class=\"post-meta cf\">\n\t\t28\/03\/2023 \/ <a href=\"https:\/\/www.psib-psoe.org\/menorca\/category\/federacio-de-menorca\/\" rel=\"category tag\">Federaci\u00f3 de Menorca<\/a>, <a href=\"https:\/\/www.psib-psoe.org\/menorca\/category\/federacio-de-menorca-portada\/\" rel=\"category tag\">Federaci\u00f3 de Menorca - Portada<\/a>, <a href=\"https:\/\/www.psib-psoe.org\/menorca\/category\/ferreries\/\" rel=\"category tag\">Ferreries<\/a>, <a href=\"https:\/\/www.psib-psoe.org\/menorca\/category\/municipis\/\" rel=\"category tag\">Municipis<\/a>, <a href=\"https:\/\/www.psib-psoe.org\/menorca\/category\/portada\/\" rel=\"category tag\">Portada<\/a><\/aside>\n\t\t\t\t<h3 itemprop=\"headline\"><a href=\"https:\/\/www.psib-psoe.org\/menorca\/lassemblea-del-psoe-de-ferreries-aprova-una-candidatura-plural-pensada-per-reactivar-el-municipi\/\" title=\"L&#8217;assemblea del PSOE de Ferreries aprova una candidatura plural pensada per &#8220;reactivar el municipi&#8221;\">L&#8217;assemblea del PSOE de Ferreries aprova una candidatura plural pensada per &#8220;reactivar el municipi&#8221;<\/a><\/h3>\n\t\t\t<\/header>\n\t\t<\/div>\n\t\t<div class=\"post-content\">\n\t\t\t<a href=\"https:\/\/www.psib-psoe.org\/menorca\/lassemblea-del-psoe-de-ferreries-aprova-una-candidatura-plural-pensada-per-reactivar-el-municipi\/\" class=\"more-link\">Read More<\/a>\n\t\t<\/div>\n\t\t\t<aside class=\"post-bottom-meta hide\">\n\t\t<strong rel=\"author\" itemprop=\"author\" class=\"author vcard\"><span class=\"fn\">PSOE Menorca<\/span><\/strong>\n\t\t<time class=\"date published time\" datetime=\"2023-03-28T11:27:27+02:00\" itemprop=\"datePublished\" content=\"2023-03-28T11:27:27+02:00\">28\/03\/2023<\/time>\n\t\t<meta itemprop=\"dateModified\" class=\"date updated\" content=\"2023-03-31T10:19:46+02:00\">\n\t\t<span class=\"hide\" itemprop=\"publisher\" itemscope itemtype=\"https:\/\/schema.org\/Organization\">\n\t\t\t<meta itemprop=\"name\" content=\"Federaci\u00f3 Socialista de Menorca\">\n\t\t\t<span itemprop=\"logo\" itemscope itemtype=\"https:\/\/schema.org\/ImageObject\">\n\t\t\t\t<meta itemprop=\"url\" content=\"https:\/\/www.psib-psoe.org\/menorca\/wp-content\/themes\/notio-wp\/assets\/img\/logo.png\">\n\t\t\t<\/span>\n\t\t\t<meta itemprop=\"url\" content=\"https:\/\/www.psib-psoe.org\/menorca\/\">\n\t\t<\/span>\n\t\t\t\t<meta itemscope itemprop=\"mainEntityOfPage\" itemtype=\"https:\/\/schema.org\/WebPage\" itemid=\"https:\/\/www.psib-psoe.org\/menorca\/lassemblea-del-psoe-de-ferreries-aprova-una-candidatura-plural-pensada-per-reactivar-el-municipi\/\">\n\t<\/aside>\n\t\t<\/article>\n<\/div>\n<div class=\"small-12 large-4 columns\">\n\t<article itemscope itemtype=\"http:\/\/schema.org\/Article\" class=\"post blog-style7 alt post-26229 type-post status-publish format-standard has-post-thumbnail hentry category-alaior category-federacio-de-menorca category-federacio-de-menorca-portada category-municipis category-portada\" role=\"article\">\n\t\t<figure class=\"post-gallery\"><img loading=\"lazy\" decoding=\"async\" width=\"600\" height=\"400\" src=\"https:\/\/www.psib-psoe.org\/menorca\/wp-content\/uploads\/Assemblea-PSOE-Alaior-600x400.jpeg\" class=\"attachment-notio-general-x2 size-notio-general-x2 wp-post-image\" alt=\"\" srcset=\"https:\/\/www.psib-psoe.org\/menorca\/wp-content\/uploads\/Assemblea-PSOE-Alaior-600x400.jpeg 600w, https:\/\/www.psib-psoe.org\/menorca\/wp-content\/uploads\/Assemblea-PSOE-Alaior-300x200.jpeg 300w, https:\/\/www.psib-psoe.org\/menorca\/wp-content\/uploads\/Assemblea-PSOE-Alaior-20x13.jpeg 20w, https:\/\/www.psib-psoe.org\/menorca\/wp-content\/uploads\/Assemblea-PSOE-Alaior-900x600.jpeg 900w\" sizes=\"(max-width: 600px) 100vw, 600px\" \/><\/figure>\n\t\t<div class=\"blog-top\">\n\t\t\t<header class=\"post-title entry-header\">\n\t\t\t\t<aside class=\"post-meta cf\">\n\t\t17\/03\/2023 \/ <a href=\"https:\/\/www.psib-psoe.org\/menorca\/category\/alaior\/\" rel=\"category tag\">Alaior<\/a>, <a href=\"https:\/\/www.psib-psoe.org\/menorca\/category\/federacio-de-menorca\/\" rel=\"category tag\">Federaci\u00f3 de Menorca<\/a>, <a href=\"https:\/\/www.psib-psoe.org\/menorca\/category\/federacio-de-menorca-portada\/\" rel=\"category tag\">Federaci\u00f3 de Menorca - Portada<\/a>, <a href=\"https:\/\/www.psib-psoe.org\/menorca\/category\/municipis\/\" rel=\"category tag\">Municipis<\/a>, <a href=\"https:\/\/www.psib-psoe.org\/menorca\/category\/portada\/\" rel=\"category tag\">Portada<\/a><\/aside>\n\t\t\t\t<h3 itemprop=\"headline\"><a href=\"https:\/\/www.psib-psoe.org\/menorca\/el-candidat-a-la-batlia-del-psoe-alaior-toni-mir-presenta-el-seu-equip-per-a-les-eleccions-de-maig-de-2023\/\" title=\"El candidat a la batlia del PSOE Alaior, Toni Mir, presenta el seu equip per a les eleccions de maig de 2023\">El candidat a la batlia del PSOE Alaior, Toni Mir, presenta el seu equip per a les eleccions de maig de 2023<\/a><\/h3>\n\t\t\t<\/header>\n\t\t<\/div>\n\t\t<div class=\"post-content\">\n\t\t\t<a href=\"https:\/\/www.psib-psoe.org\/menorca\/el-candidat-a-la-batlia-del-psoe-alaior-toni-mir-presenta-el-seu-equip-per-a-les-eleccions-de-maig-de-2023\/\" class=\"more-link\">Read More<\/a>\n\t\t<\/div>\n\t\t\t<aside class=\"post-bottom-meta hide\">\n\t\t<strong rel=\"author\" itemprop=\"author\" class=\"author vcard\"><span class=\"fn\">PSOE Menorca<\/span><\/strong>\n\t\t<time class=\"date published time\" datetime=\"2023-03-17T09:30:56+02:00\" itemprop=\"datePublished\" content=\"2023-03-17T09:30:56+02:00\">17\/03\/2023<\/time>\n\t\t<meta itemprop=\"dateModified\" class=\"date updated\" content=\"2023-03-16T17:32:52+02:00\">\n\t\t<span class=\"hide\" itemprop=\"publisher\" itemscope itemtype=\"https:\/\/schema.org\/Organization\">\n\t\t\t<meta itemprop=\"name\" content=\"Federaci\u00f3 Socialista de Menorca\">\n\t\t\t<span itemprop=\"logo\" itemscope itemtype=\"https:\/\/schema.org\/ImageObject\">\n\t\t\t\t<meta itemprop=\"url\" content=\"https:\/\/www.psib-psoe.org\/menorca\/wp-content\/themes\/notio-wp\/assets\/img\/logo.png\">\n\t\t\t<\/span>\n\t\t\t<meta itemprop=\"url\" content=\"https:\/\/www.psib-psoe.org\/menorca\/\">\n\t\t<\/span>\n\t\t\t\t<span class=\"hide\" itemprop=\"image\" itemscope itemtype=\"http:\/\/schema.org\/ImageObject\">\n\t\t\t<meta itemprop=\"url\" content=\"https:\/\/www.psib-psoe.org\/menorca\/wp-content\/uploads\/Assemblea-PSOE-Alaior.jpeg\">\n\t\t\t<meta itemprop=\"width\" content=\"1600\">\n\t\t\t<meta itemprop=\"height\" content=\"984\">\n\t\t<\/span>\n\t\t\t\t<meta itemscope itemprop=\"mainEntityOfPage\" itemtype=\"https:\/\/schema.org\/WebPage\" itemid=\"https:\/\/www.psib-psoe.org\/menorca\/el-candidat-a-la-batlia-del-psoe-alaior-toni-mir-presenta-el-seu-equip-per-a-les-eleccions-de-maig-de-2023\/\">\n\t<\/aside>\n\t\t<\/article>\n<\/div>\n<div class=\"small-12 large-4 columns\">\n\t<article itemscope itemtype=\"http:\/\/schema.org\/Article\" class=\"post blog-style7 alt post-26211 type-post status-publish format-standard hentry category-federacio-de-menorca category-federacio-de-menorca-portada category-municipis category-portada\" role=\"article\">\n\t\t<figure class=\"post-gallery\"><\/figure>\n\t\t<div class=\"blog-top\">\n\t\t\t<header class=\"post-title entry-header\">\n\t\t\t\t<aside class=\"post-meta cf\">\n\t\t19\/01\/2023 \/ <a href=\"https:\/\/www.psib-psoe.org\/menorca\/category\/federacio-de-menorca\/\" rel=\"category tag\">Federaci\u00f3 de Menorca<\/a>, <a href=\"https:\/\/www.psib-psoe.org\/menorca\/category\/federacio-de-menorca-portada\/\" rel=\"category tag\">Federaci\u00f3 de Menorca - Portada<\/a>, <a href=\"https:\/\/www.psib-psoe.org\/menorca\/category\/municipis\/\" rel=\"category tag\">Municipis<\/a>, <a href=\"https:\/\/www.psib-psoe.org\/menorca\/category\/portada\/\" rel=\"category tag\">Portada<\/a><\/aside>\n\t\t\t\t<h3 itemprop=\"headline\"><a href=\"https:\/\/www.psib-psoe.org\/menorca\/el-psoe-menorca-celebra-lacord-politic-que-permetra-laprovacio-de-la-llei-menorca-reserva-de-biosfera-una-llei-que-ha-dafavorir-la-prosperitat-i-el-benestar-de-la-gent-de-menorca\/\" title=\"El PSOE Menorca celebra l&#8217;acord pol\u00edtic que permetr\u00e0 l&#8217;aprovaci\u00f3 de la Llei Menorca Reserva de Biosfera. Una llei que ha d&#8217;afavorir la prosperitat i el benestar de la gent de Menorca\">El PSOE Menorca celebra l&#8217;acord pol\u00edtic que permetr\u00e0 l&#8217;aprovaci\u00f3 de la Llei Menorca Reserva de Biosfera. Una llei que ha d&#8217;afavorir la prosperitat i el benestar de la gent de Menorca<\/a><\/h3>\n\t\t\t<\/header>\n\t\t<\/div>\n\t\t<div class=\"post-content\">\n\t\t\t<a href=\"https:\/\/www.psib-psoe.org\/menorca\/el-psoe-menorca-celebra-lacord-politic-que-permetra-laprovacio-de-la-llei-menorca-reserva-de-biosfera-una-llei-que-ha-dafavorir-la-prosperitat-i-el-benestar-de-la-gent-de-menorca\/\" class=\"more-link\">Read More<\/a>\n\t\t<\/div>\n\t\t\t<aside class=\"post-bottom-meta hide\">\n\t\t<strong rel=\"author\" itemprop=\"author\" class=\"author vcard\"><span class=\"fn\">PSOE Menorca<\/span><\/strong>\n\t\t<time class=\"date published time\" datetime=\"2023-01-19T14:19:53+02:00\" itemprop=\"datePublished\" content=\"2023-01-19T14:19:53+02:00\">19\/01\/2023<\/time>\n\t\t<meta itemprop=\"dateModified\" class=\"date updated\" content=\"2023-01-19T14:19:53+02:00\">\n\t\t<span class=\"hide\" itemprop=\"publisher\" itemscope itemtype=\"https:\/\/schema.org\/Organization\">\n\t\t\t<meta itemprop=\"name\" content=\"Federaci\u00f3 Socialista de Menorca\">\n\t\t\t<span itemprop=\"logo\" itemscope itemtype=\"https:\/\/schema.org\/ImageObject\">\n\t\t\t\t<meta itemprop=\"url\" content=\"https:\/\/www.psib-psoe.org\/menorca\/wp-content\/themes\/notio-wp\/assets\/img\/logo.png\">\n\t\t\t<\/span>\n\t\t\t<meta itemprop=\"url\" content=\"https:\/\/www.psib-psoe.org\/menorca\/\">\n\t\t<\/span>\n\t\t\t\t<meta itemscope itemprop=\"mainEntityOfPage\" itemtype=\"https:\/\/schema.org\/WebPage\" itemid=\"https:\/\/www.psib-psoe.org\/menorca\/el-psoe-menorca-celebra-lacord-politic-que-permetra-laprovacio-de-la-llei-menorca-reserva-de-biosfera-una-llei-que-ha-dafavorir-la-prosperitat-i-el-benestar-de-la-gent-de-menorca\/\">\n\t<\/aside>\n\t\t<\/article>\n<\/div>\n<div class=\"small-12 large-4 columns\">\n\t<article itemscope itemtype=\"http:\/\/schema.org\/Article\" class=\"post blog-style7 alt post-26208 type-post status-publish format-standard hentry category-federacio-de-menorca category-federacio-de-menorca-portada category-municipis category-portada category-sant-lluis\" role=\"article\">\n\t\t<figure class=\"post-gallery\"><\/figure>\n\t\t<div class=\"blog-top\">\n\t\t\t<header class=\"post-title entry-header\">\n\t\t\t\t<aside class=\"post-meta cf\">\n\t\t13\/01\/2023 \/ <a href=\"https:\/\/www.psib-psoe.org\/menorca\/category\/federacio-de-menorca\/\" rel=\"category tag\">Federaci\u00f3 de Menorca<\/a>, <a href=\"https:\/\/www.psib-psoe.org\/menorca\/category\/federacio-de-menorca-portada\/\" rel=\"category tag\">Federaci\u00f3 de Menorca - Portada<\/a>, <a href=\"https:\/\/www.psib-psoe.org\/menorca\/category\/municipis\/\" rel=\"category tag\">Municipis<\/a>, <a href=\"https:\/\/www.psib-psoe.org\/menorca\/category\/portada\/\" rel=\"category tag\">Portada<\/a>, <a href=\"https:\/\/www.psib-psoe.org\/menorca\/category\/sant-lluis\/\" rel=\"category tag\">Sant Llu\u00eds<\/a><\/aside>\n\t\t\t\t<h3 itemprop=\"headline\"><a href=\"https:\/\/www.psib-psoe.org\/menorca\/la-regidora-silvia-perez-elegida-candidata-dels-socialistes-a-la-batlia-de-sant-lluis\/\" title=\"La regidora S\u00edlvia P\u00e9rez, elegida candidata dels socialistes a la batlia de Sant Llu\u00eds\">La regidora S\u00edlvia P\u00e9rez, elegida candidata dels socialistes a la batlia de Sant Llu\u00eds<\/a><\/h3>\n\t\t\t<\/header>\n\t\t<\/div>\n\t\t<div class=\"post-content\">\n\t\t\t<a href=\"https:\/\/www.psib-psoe.org\/menorca\/la-regidora-silvia-perez-elegida-candidata-dels-socialistes-a-la-batlia-de-sant-lluis\/\" class=\"more-link\">Read More<\/a>\n\t\t<\/div>\n\t\t\t<aside class=\"post-bottom-meta hide\">\n\t\t<strong rel=\"author\" itemprop=\"author\" class=\"author vcard\"><span class=\"fn\">PSOE Menorca<\/span><\/strong>\n\t\t<time class=\"date published time\" datetime=\"2023-01-13T12:37:37+02:00\" itemprop=\"datePublished\" content=\"2023-01-13T12:37:37+02:00\">13\/01\/2023<\/time>\n\t\t<meta itemprop=\"dateModified\" class=\"date updated\" content=\"2023-01-16T12:39:14+02:00\">\n\t\t<span class=\"hide\" itemprop=\"publisher\" itemscope itemtype=\"https:\/\/schema.org\/Organization\">\n\t\t\t<meta itemprop=\"name\" content=\"Federaci\u00f3 Socialista de Menorca\">\n\t\t\t<span itemprop=\"logo\" itemscope itemtype=\"https:\/\/schema.org\/ImageObject\">\n\t\t\t\t<meta itemprop=\"url\" content=\"https:\/\/www.psib-psoe.org\/menorca\/wp-content\/themes\/notio-wp\/assets\/img\/logo.png\">\n\t\t\t<\/span>\n\t\t\t<meta itemprop=\"url\" content=\"https:\/\/www.psib-psoe.org\/menorca\/\">\n\t\t<\/span>\n\t\t\t\t<meta itemscope itemprop=\"mainEntityOfPage\" itemtype=\"https:\/\/schema.org\/WebPage\" itemid=\"https:\/\/www.psib-psoe.org\/menorca\/la-regidora-silvia-perez-elegida-candidata-dels-socialistes-a-la-batlia-de-sant-lluis\/\">\n\t<\/aside>\n\t\t<\/article>\n<\/div>\n<div class=\"small-12 large-4 columns\">\n\t<article itemscope itemtype=\"http:\/\/schema.org\/Article\" class=\"post blog-style7 alt post-26205 type-post status-publish format-standard has-post-thumbnail hentry category-alaior category-federacio-de-menorca category-federacio-de-menorca-portada category-municipis category-portada\" role=\"article\">\n\t\t<figure class=\"post-gallery\"><img loading=\"lazy\" decoding=\"async\" width=\"600\" height=\"400\" src=\"https:\/\/www.psib-psoe.org\/menorca\/wp-content\/uploads\/Assemblea-PSOE-Alaior-600x400.jpeg\" class=\"attachment-notio-general-x2 size-notio-general-x2 wp-post-image\" alt=\"\" srcset=\"https:\/\/www.psib-psoe.org\/menorca\/wp-content\/uploads\/Assemblea-PSOE-Alaior-600x400.jpeg 600w, https:\/\/www.psib-psoe.org\/menorca\/wp-content\/uploads\/Assemblea-PSOE-Alaior-300x200.jpeg 300w, https:\/\/www.psib-psoe.org\/menorca\/wp-content\/uploads\/Assemblea-PSOE-Alaior-20x13.jpeg 20w, https:\/\/www.psib-psoe.org\/menorca\/wp-content\/uploads\/Assemblea-PSOE-Alaior-900x600.jpeg 900w\" sizes=\"(max-width: 600px) 100vw, 600px\" \/><\/figure>\n\t\t<div class=\"blog-top\">\n\t\t\t<header class=\"post-title entry-header\">\n\t\t\t\t<aside class=\"post-meta cf\">\n\t\t12\/01\/2023 \/ <a href=\"https:\/\/www.psib-psoe.org\/menorca\/category\/alaior\/\" rel=\"category tag\">Alaior<\/a>, <a href=\"https:\/\/www.psib-psoe.org\/menorca\/category\/federacio-de-menorca\/\" rel=\"category tag\">Federaci\u00f3 de Menorca<\/a>, <a href=\"https:\/\/www.psib-psoe.org\/menorca\/category\/federacio-de-menorca-portada\/\" rel=\"category tag\">Federaci\u00f3 de Menorca - Portada<\/a>, <a href=\"https:\/\/www.psib-psoe.org\/menorca\/category\/municipis\/\" rel=\"category tag\">Municipis<\/a>, <a href=\"https:\/\/www.psib-psoe.org\/menorca\/category\/portada\/\" rel=\"category tag\">Portada<\/a><\/aside>\n\t\t\t\t<h3 itemprop=\"headline\"><a href=\"https:\/\/www.psib-psoe.org\/menorca\/lassemblea-del-psoe-alaior-ratifica-a-toni-mir-com-a-candidat-per-encapcalar-la-llista-socialista-a-lajuntament\/\" title=\"L&#8217;assemblea del PSOE Alaior ratifica a Toni Mir com a candidat per encap\u00e7alar la llista socialista a l&#8217;Ajuntament\">L&#8217;assemblea del PSOE Alaior ratifica a Toni Mir com a candidat per encap\u00e7alar la llista socialista a l&#8217;Ajuntament<\/a><\/h3>\n\t\t\t<\/header>\n\t\t<\/div>\n\t\t<div class=\"post-content\">\n\t\t\t<a href=\"https:\/\/www.psib-psoe.org\/menorca\/lassemblea-del-psoe-alaior-ratifica-a-toni-mir-com-a-candidat-per-encapcalar-la-llista-socialista-a-lajuntament\/\" class=\"more-link\">Read More<\/a>\n\t\t<\/div>\n\t\t\t<aside class=\"post-bottom-meta hide\">\n\t\t<strong rel=\"author\" itemprop=\"author\" class=\"author vcard\"><span class=\"fn\">PSOE Menorca<\/span><\/strong>\n\t\t<time class=\"date published time\" datetime=\"2023-01-12T12:35:23+02:00\" itemprop=\"datePublished\" content=\"2023-01-12T12:35:23+02:00\">12\/01\/2023<\/time>\n\t\t<meta itemprop=\"dateModified\" class=\"date updated\" content=\"2023-01-16T12:37:16+02:00\">\n\t\t<span class=\"hide\" itemprop=\"publisher\" itemscope itemtype=\"https:\/\/schema.org\/Organization\">\n\t\t\t<meta itemprop=\"name\" content=\"Federaci\u00f3 Socialista de Menorca\">\n\t\t\t<span itemprop=\"logo\" itemscope itemtype=\"https:\/\/schema.org\/ImageObject\">\n\t\t\t\t<meta itemprop=\"url\" content=\"https:\/\/www.psib-psoe.org\/menorca\/wp-content\/themes\/notio-wp\/assets\/img\/logo.png\">\n\t\t\t<\/span>\n\t\t\t<meta itemprop=\"url\" content=\"https:\/\/www.psib-psoe.org\/menorca\/\">\n\t\t<\/span>\n\t\t\t\t<span class=\"hide\" itemprop=\"image\" itemscope itemtype=\"http:\/\/schema.org\/ImageObject\">\n\t\t\t<meta itemprop=\"url\" content=\"https:\/\/www.psib-psoe.org\/menorca\/wp-content\/uploads\/Assemblea-PSOE-Alaior.jpeg\">\n\t\t\t<meta itemprop=\"width\" content=\"1600\">\n\t\t\t<meta itemprop=\"height\" content=\"984\">\n\t\t<\/span>\n\t\t\t\t<meta itemscope itemprop=\"mainEntityOfPage\" itemtype=\"https:\/\/schema.org\/WebPage\" itemid=\"https:\/\/www.psib-psoe.org\/menorca\/lassemblea-del-psoe-alaior-ratifica-a-toni-mir-com-a-candidat-per-encapcalar-la-llista-socialista-a-lajuntament\/\">\n\t<\/aside>\n\t\t<\/article>\n<\/div>\n<div class=\"small-12 large-4 columns\">\n\t<article itemscope itemtype=\"http:\/\/schema.org\/Article\" class=\"post blog-style7 alt post-26201 type-post status-publish format-standard has-post-thumbnail hentry category-es-mercadal-i-fornells category-municipis category-portada\" role=\"article\">\n\t\t<figure class=\"post-gallery\"><img loading=\"lazy\" decoding=\"async\" width=\"600\" height=\"400\" src=\"https:\/\/www.psib-psoe.org\/menorca\/wp-content\/uploads\/Gomila-i-Ametller-600x400.jpeg\" class=\"attachment-notio-general-x2 size-notio-general-x2 wp-post-image\" alt=\"\" srcset=\"https:\/\/www.psib-psoe.org\/menorca\/wp-content\/uploads\/Gomila-i-Ametller-600x400.jpeg 600w, https:\/\/www.psib-psoe.org\/menorca\/wp-content\/uploads\/Gomila-i-Ametller-300x200.jpeg 300w, https:\/\/www.psib-psoe.org\/menorca\/wp-content\/uploads\/Gomila-i-Ametller-900x600.jpeg 900w, https:\/\/www.psib-psoe.org\/menorca\/wp-content\/uploads\/Gomila-i-Ametller-20x13.jpeg 20w\" sizes=\"(max-width: 600px) 100vw, 600px\" \/><\/figure>\n\t\t<div class=\"blog-top\">\n\t\t\t<header class=\"post-title entry-header\">\n\t\t\t\t<aside class=\"post-meta cf\">\n\t\t16\/12\/2022 \/ <a href=\"https:\/\/www.psib-psoe.org\/menorca\/category\/es-mercadal-i-fornells\/\" rel=\"category tag\">Es Mercadal i Fornells<\/a>, <a href=\"https:\/\/www.psib-psoe.org\/menorca\/category\/municipis\/\" rel=\"category tag\">Municipis<\/a>, <a href=\"https:\/\/www.psib-psoe.org\/menorca\/category\/portada\/\" rel=\"category tag\">Portada<\/a><\/aside>\n\t\t\t\t<h3 itemprop=\"headline\"><a href=\"https:\/\/www.psib-psoe.org\/menorca\/xisco-ametller-comunica-la-seva-decisio-de-no-optar-a-la-reeleccio-com-a-candidat-del-psoe-a-lajuntament-des-mercadal-i-fornells\/\" title=\"Xisco Ametller comunica la seva decisi\u00f3 de no optar a la reelecci\u00f3 com a candidat del PSOE a l&#8217;Ajuntament des Mercadal i Fornells\">Xisco Ametller comunica la seva decisi\u00f3 de no optar a la reelecci\u00f3 com a candidat del PSOE a l&#8217;Ajuntament des Mercadal i Fornells<\/a><\/h3>\n\t\t\t<\/header>\n\t\t<\/div>\n\t\t<div class=\"post-content\">\n\t\t\t<a href=\"https:\/\/www.psib-psoe.org\/menorca\/xisco-ametller-comunica-la-seva-decisio-de-no-optar-a-la-reeleccio-com-a-candidat-del-psoe-a-lajuntament-des-mercadal-i-fornells\/\" class=\"more-link\">Read More<\/a>\n\t\t<\/div>\n\t\t\t<aside class=\"post-bottom-meta hide\">\n\t\t<strong rel=\"author\" itemprop=\"author\" class=\"author vcard\"><span class=\"fn\">PSOE Menorca<\/span><\/strong>\n\t\t<time class=\"date published time\" datetime=\"2022-12-16T13:09:39+02:00\" itemprop=\"datePublished\" content=\"2022-12-16T13:09:39+02:00\">16\/12\/2022<\/time>\n\t\t<meta itemprop=\"dateModified\" class=\"date updated\" content=\"2022-12-20T13:11:23+02:00\">\n\t\t<span class=\"hide\" itemprop=\"publisher\" itemscope itemtype=\"https:\/\/schema.org\/Organization\">\n\t\t\t<meta itemprop=\"name\" content=\"Federaci\u00f3 Socialista de Menorca\">\n\t\t\t<span itemprop=\"logo\" itemscope itemtype=\"https:\/\/schema.org\/ImageObject\">\n\t\t\t\t<meta itemprop=\"url\" content=\"https:\/\/www.psib-psoe.org\/menorca\/wp-content\/themes\/notio-wp\/assets\/img\/logo.png\">\n\t\t\t<\/span>\n\t\t\t<meta itemprop=\"url\" content=\"https:\/\/www.psib-psoe.org\/menorca\/\">\n\t\t<\/span>\n\t\t\t\t<span class=\"hide\" itemprop=\"image\" itemscope itemtype=\"http:\/\/schema.org\/ImageObject\">\n\t\t\t<meta itemprop=\"url\" content=\"https:\/\/www.psib-psoe.org\/menorca\/wp-content\/uploads\/Gomila-i-Ametller.jpeg\">\n\t\t\t<meta itemprop=\"width\" content=\"1024\">\n\t\t\t<meta itemprop=\"height\" content=\"768\">\n\t\t<\/span>\n\t\t\t\t<meta itemscope itemprop=\"mainEntityOfPage\" itemtype=\"https:\/\/schema.org\/WebPage\" itemid=\"https:\/\/www.psib-psoe.org\/menorca\/xisco-ametller-comunica-la-seva-decisio-de-no-optar-a-la-reeleccio-com-a-candidat-del-psoe-a-lajuntament-des-mercadal-i-fornells\/\">\n\t<\/aside>\n\t\t<\/article>\n<\/div>\n<div class=\"small-12 large-4 columns\">\n\t<article itemscope itemtype=\"http:\/\/schema.org\/Article\" class=\"post blog-style7 alt post-26181 type-post status-publish format-standard has-post-thumbnail hentry category-federacio-de-menorca category-federacio-de-menorca-portada category-ferreries category-municipis category-portada\" role=\"article\">\n\t\t<figure class=\"post-gallery\"><img loading=\"lazy\" decoding=\"async\" width=\"600\" height=\"400\" src=\"https:\/\/www.psib-psoe.org\/menorca\/wp-content\/uploads\/Basili-Mart\u00ed-600x400.png\" class=\"attachment-notio-general-x2 size-notio-general-x2 wp-post-image\" alt=\"\" srcset=\"https:\/\/www.psib-psoe.org\/menorca\/wp-content\/uploads\/Basili-Mart\u00ed-600x400.png 600w, https:\/\/www.psib-psoe.org\/menorca\/wp-content\/uploads\/Basili-Mart\u00ed-300x200.png 300w, https:\/\/www.psib-psoe.org\/menorca\/wp-content\/uploads\/Basili-Mart\u00ed-900x600.png 900w, https:\/\/www.psib-psoe.org\/menorca\/wp-content\/uploads\/Basili-Mart\u00ed-20x13.png 20w\" sizes=\"(max-width: 600px) 100vw, 600px\" \/><\/figure>\n\t\t<div class=\"blog-top\">\n\t\t\t<header class=\"post-title entry-header\">\n\t\t\t\t<aside class=\"post-meta cf\">\n\t\t20\/07\/2022 \/ <a href=\"https:\/\/www.psib-psoe.org\/menorca\/category\/federacio-de-menorca\/\" rel=\"category tag\">Federaci\u00f3 de Menorca<\/a>, <a href=\"https:\/\/www.psib-psoe.org\/menorca\/category\/federacio-de-menorca-portada\/\" rel=\"category tag\">Federaci\u00f3 de Menorca - Portada<\/a>, <a href=\"https:\/\/www.psib-psoe.org\/menorca\/category\/ferreries\/\" rel=\"category tag\">Ferreries<\/a>, <a href=\"https:\/\/www.psib-psoe.org\/menorca\/category\/municipis\/\" rel=\"category tag\">Municipis<\/a>, <a href=\"https:\/\/www.psib-psoe.org\/menorca\/category\/portada\/\" rel=\"category tag\">Portada<\/a><\/aside>\n\t\t\t\t<h3 itemprop=\"headline\"><a href=\"https:\/\/www.psib-psoe.org\/menorca\/basili-marti-elegit-nou-secretari-general-del-psoe-ferreries\/\" title=\"Basili Mart\u00ed, elegit nou secretari general del PSOE Ferreries\">Basili Mart\u00ed, elegit nou secretari general del PSOE Ferreries<\/a><\/h3>\n\t\t\t<\/header>\n\t\t<\/div>\n\t\t<div class=\"post-content\">\n\t\t\t<a href=\"https:\/\/www.psib-psoe.org\/menorca\/basili-marti-elegit-nou-secretari-general-del-psoe-ferreries\/\" class=\"more-link\">Read More<\/a>\n\t\t<\/div>\n\t\t\t<aside class=\"post-bottom-meta hide\">\n\t\t<strong rel=\"author\" itemprop=\"author\" class=\"author vcard\"><span class=\"fn\">PSOE Menorca<\/span><\/strong>\n\t\t<time class=\"date published time\" datetime=\"2022-07-20T12:24:42+02:00\" itemprop=\"datePublished\" content=\"2022-07-20T12:24:42+02:00\">20\/07\/2022<\/time>\n\t\t<meta itemprop=\"dateModified\" class=\"date updated\" content=\"2022-07-26T12:27:12+02:00\">\n\t\t<span class=\"hide\" itemprop=\"publisher\" itemscope itemtype=\"https:\/\/schema.org\/Organization\">\n\t\t\t<meta itemprop=\"name\" content=\"Federaci\u00f3 Socialista de Menorca\">\n\t\t\t<span itemprop=\"logo\" itemscope itemtype=\"https:\/\/schema.org\/ImageObject\">\n\t\t\t\t<meta itemprop=\"url\" content=\"https:\/\/www.psib-psoe.org\/menorca\/wp-content\/themes\/notio-wp\/assets\/img\/logo.png\">\n\t\t\t<\/span>\n\t\t\t<meta itemprop=\"url\" content=\"https:\/\/www.psib-psoe.org\/menorca\/\">\n\t\t<\/span>\n\t\t\t\t<span class=\"hide\" itemprop=\"image\" itemscope itemtype=\"http:\/\/schema.org\/ImageObject\">\n\t\t\t<meta itemprop=\"url\" content=\"https:\/\/www.psib-psoe.org\/menorca\/wp-content\/uploads\/Basili-Mart\u00ed.png\">\n\t\t\t<meta itemprop=\"width\" content=\"906\">\n\t\t\t<meta itemprop=\"height\" content=\"672\">\n\t\t<\/span>\n\t\t\t\t<meta itemscope itemprop=\"mainEntityOfPage\" itemtype=\"https:\/\/schema.org\/WebPage\" itemid=\"https:\/\/www.psib-psoe.org\/menorca\/basili-marti-elegit-nou-secretari-general-del-psoe-ferreries\/\">\n\t<\/aside>\n\t\t<\/article>\n<\/div>\n<div class=\"small-12 large-4 columns\">\n\t<article itemscope itemtype=\"http:\/\/schema.org\/Article\" class=\"post blog-style7 alt post-26129 type-post status-publish format-standard has-post-thumbnail hentry category-federacio-de-menorca category-federacio-de-menorca-portada category-mao category-municipis category-portada\" role=\"article\">\n\t\t<figure class=\"post-gallery\"><img loading=\"lazy\" decoding=\"async\" width=\"600\" height=\"400\" src=\"https:\/\/www.psib-psoe.org\/menorca\/wp-content\/uploads\/Executiva-PSOE-Ma\u00f3-600x400.jpg\" class=\"attachment-notio-general-x2 size-notio-general-x2 wp-post-image\" alt=\"\" srcset=\"https:\/\/www.psib-psoe.org\/menorca\/wp-content\/uploads\/Executiva-PSOE-Ma\u00f3-600x400.jpg 600w, https:\/\/www.psib-psoe.org\/menorca\/wp-content\/uploads\/Executiva-PSOE-Ma\u00f3-300x200.jpg 300w, https:\/\/www.psib-psoe.org\/menorca\/wp-content\/uploads\/Executiva-PSOE-Ma\u00f3-900x600.jpg 900w, https:\/\/www.psib-psoe.org\/menorca\/wp-content\/uploads\/Executiva-PSOE-Ma\u00f3-20x13.jpg 20w\" sizes=\"(max-width: 600px) 100vw, 600px\" \/><\/figure>\n\t\t<div class=\"blog-top\">\n\t\t\t<header class=\"post-title entry-header\">\n\t\t\t\t<aside class=\"post-meta cf\">\n\t\t12\/04\/2022 \/ <a href=\"https:\/\/www.psib-psoe.org\/menorca\/category\/federacio-de-menorca\/\" rel=\"category tag\">Federaci\u00f3 de Menorca<\/a>, <a href=\"https:\/\/www.psib-psoe.org\/menorca\/category\/federacio-de-menorca-portada\/\" rel=\"category tag\">Federaci\u00f3 de Menorca - Portada<\/a>, <a href=\"https:\/\/www.psib-psoe.org\/menorca\/category\/mao\/\" rel=\"category tag\">Ma\u00f3<\/a>, <a href=\"https:\/\/www.psib-psoe.org\/menorca\/category\/municipis\/\" rel=\"category tag\">Municipis<\/a>, <a href=\"https:\/\/www.psib-psoe.org\/menorca\/category\/portada\/\" rel=\"category tag\">Portada<\/a><\/aside>\n\t\t\t\t<h3 itemprop=\"headline\"><a href=\"https:\/\/www.psib-psoe.org\/menorca\/hector-pons-reedita-com-a-secretari-general-del-psoe-mao\/\" title=\"H\u00e9ctor Pons reedita com a secretari general del PSOE Ma\u00f3\">H\u00e9ctor Pons reedita com a secretari general del PSOE Ma\u00f3<\/a><\/h3>\n\t\t\t<\/header>\n\t\t<\/div>\n\t\t<div class=\"post-content\">\n\t\t\t<a href=\"https:\/\/www.psib-psoe.org\/menorca\/hector-pons-reedita-com-a-secretari-general-del-psoe-mao\/\" class=\"more-link\">Read More<\/a>\n\t\t<\/div>\n\t\t\t<aside class=\"post-bottom-meta hide\">\n\t\t<strong rel=\"author\" itemprop=\"author\" class=\"author vcard\"><span class=\"fn\">PSOE Menorca<\/span><\/strong>\n\t\t<time class=\"date published time\" datetime=\"2022-04-12T09:55:34+02:00\" itemprop=\"datePublished\" content=\"2022-04-12T09:55:34+02:00\">12\/04\/2022<\/time>\n\t\t<meta itemprop=\"dateModified\" class=\"date updated\" content=\"2022-05-13T11:47:40+02:00\">\n\t\t<span class=\"hide\" itemprop=\"publisher\" itemscope itemtype=\"https:\/\/schema.org\/Organization\">\n\t\t\t<meta itemprop=\"name\" content=\"Federaci\u00f3 Socialista de Menorca\">\n\t\t\t<span itemprop=\"logo\" itemscope itemtype=\"https:\/\/schema.org\/ImageObject\">\n\t\t\t\t<meta itemprop=\"url\" content=\"https:\/\/www.psib-psoe.org\/menorca\/wp-content\/themes\/notio-wp\/assets\/img\/logo.png\">\n\t\t\t<\/span>\n\t\t\t<meta itemprop=\"url\" content=\"https:\/\/www.psib-psoe.org\/menorca\/\">\n\t\t<\/span>\n\t\t\t\t<span class=\"hide\" itemprop=\"image\" itemscope itemtype=\"http:\/\/schema.org\/ImageObject\">\n\t\t\t<meta itemprop=\"url\" content=\"https:\/\/www.psib-psoe.org\/menorca\/wp-content\/uploads\/Executiva-PSOE-Ma\u00f3.jpg\">\n\t\t\t<meta itemprop=\"width\" content=\"1024\">\n\t\t\t<meta itemprop=\"height\" content=\"768\">\n\t\t<\/span>\n\t\t\t\t<meta itemscope itemprop=\"mainEntityOfPage\" itemtype=\"https:\/\/schema.org\/WebPage\" itemid=\"https:\/\/www.psib-psoe.org\/menorca\/hector-pons-reedita-com-a-secretari-general-del-psoe-mao\/\">\n\t<\/aside>\n\t\t<\/article>\n<\/div>\n<div class=\"small-12 large-4 columns\">\n\t<article itemscope itemtype=\"http:\/\/schema.org\/Article\" class=\"post blog-style7 alt post-26123 type-post status-publish format-standard has-post-thumbnail hentry category-es-migjorn-gran category-federacio-de-menorca category-federacio-de-menorca-portada category-municipis category-portada\" role=\"article\">\n\t\t<figure class=\"post-gallery\"><img loading=\"lazy\" decoding=\"async\" width=\"600\" height=\"400\" src=\"https:\/\/www.psib-psoe.org\/menorca\/wp-content\/uploads\/Pilar-Pons-Es-Migjorn--600x400.jpg\" class=\"attachment-notio-general-x2 size-notio-general-x2 wp-post-image\" alt=\"\" srcset=\"https:\/\/www.psib-psoe.org\/menorca\/wp-content\/uploads\/Pilar-Pons-Es-Migjorn--600x400.jpg 600w, https:\/\/www.psib-psoe.org\/menorca\/wp-content\/uploads\/Pilar-Pons-Es-Migjorn--300x200.jpg 300w, https:\/\/www.psib-psoe.org\/menorca\/wp-content\/uploads\/Pilar-Pons-Es-Migjorn--900x600.jpg 900w, https:\/\/www.psib-psoe.org\/menorca\/wp-content\/uploads\/Pilar-Pons-Es-Migjorn--20x13.jpg 20w\" sizes=\"(max-width: 600px) 100vw, 600px\" \/><\/figure>\n\t\t<div class=\"blog-top\">\n\t\t\t<header class=\"post-title entry-header\">\n\t\t\t\t<aside class=\"post-meta cf\">\n\t\t05\/04\/2022 \/ <a href=\"https:\/\/www.psib-psoe.org\/menorca\/category\/es-migjorn-gran\/\" rel=\"category tag\">Es Migjorn Gran<\/a>, <a href=\"https:\/\/www.psib-psoe.org\/menorca\/category\/federacio-de-menorca\/\" rel=\"category tag\">Federaci\u00f3 de Menorca<\/a>, <a href=\"https:\/\/www.psib-psoe.org\/menorca\/category\/federacio-de-menorca-portada\/\" rel=\"category tag\">Federaci\u00f3 de Menorca - Portada<\/a>, <a href=\"https:\/\/www.psib-psoe.org\/menorca\/category\/municipis\/\" rel=\"category tag\">Municipis<\/a>, <a href=\"https:\/\/www.psib-psoe.org\/menorca\/category\/portada\/\" rel=\"category tag\">Portada<\/a><\/aside>\n\t\t\t\t<h3 itemprop=\"headline\"><a href=\"https:\/\/www.psib-psoe.org\/menorca\/pilar-pons-reedita-com-a-secretaria-general-del-psoe-migjorn\/\" title=\"Pilar Pons reedita com a secret\u00e0ria general del PSOE Migjorn\">Pilar Pons reedita com a secret\u00e0ria general del PSOE Migjorn<\/a><\/h3>\n\t\t\t<\/header>\n\t\t<\/div>\n\t\t<div class=\"post-content\">\n\t\t\t<a href=\"https:\/\/www.psib-psoe.org\/menorca\/pilar-pons-reedita-com-a-secretaria-general-del-psoe-migjorn\/\" class=\"more-link\">Read More<\/a>\n\t\t<\/div>\n\t\t\t<aside class=\"post-bottom-meta hide\">\n\t\t<strong rel=\"author\" itemprop=\"author\" class=\"author vcard\"><span class=\"fn\">PSOE Menorca<\/span><\/strong>\n\t\t<time class=\"date published time\" datetime=\"2022-04-05T10:52:12+02:00\" itemprop=\"datePublished\" content=\"2022-04-05T10:52:12+02:00\">05\/04\/2022<\/time>\n\t\t<meta itemprop=\"dateModified\" class=\"date updated\" content=\"2022-05-13T11:49:07+02:00\">\n\t\t<span class=\"hide\" itemprop=\"publisher\" itemscope itemtype=\"https:\/\/schema.org\/Organization\">\n\t\t\t<meta itemprop=\"name\" content=\"Federaci\u00f3 Socialista de Menorca\">\n\t\t\t<span itemprop=\"logo\" itemscope itemtype=\"https:\/\/schema.org\/ImageObject\">\n\t\t\t\t<meta itemprop=\"url\" content=\"https:\/\/www.psib-psoe.org\/menorca\/wp-content\/themes\/notio-wp\/assets\/img\/logo.png\">\n\t\t\t<\/span>\n\t\t\t<meta itemprop=\"url\" content=\"https:\/\/www.psib-psoe.org\/menorca\/\">\n\t\t<\/span>\n\t\t\t\t<span class=\"hide\" itemprop=\"image\" itemscope itemtype=\"http:\/\/schema.org\/ImageObject\">\n\t\t\t<meta itemprop=\"url\" content=\"https:\/\/www.psib-psoe.org\/menorca\/wp-content\/uploads\/Pilar-Pons-Es-Migjorn-.jpg\">\n\t\t\t<meta itemprop=\"width\" content=\"3688\">\n\t\t\t<meta itemprop=\"height\" content=\"3284\">\n\t\t<\/span>\n\t\t\t\t<meta itemscope itemprop=\"mainEntityOfPage\" itemtype=\"https:\/\/schema.org\/WebPage\" itemid=\"https:\/\/www.psib-psoe.org\/menorca\/pilar-pons-reedita-com-a-secretaria-general-del-psoe-migjorn\/\">\n\t<\/aside>\n\t\t<\/article>\n<\/div>\n<div class=\"small-12 large-4 columns\">\n\t<article itemscope itemtype=\"http:\/\/schema.org\/Article\" class=\"post blog-style7 alt post-25990 type-post status-publish format-standard hentry category-ciutadella category-federacio-de-menorca category-federacio-de-menorca-portada category-municipis category-portada\" role=\"article\">\n\t\t<figure class=\"post-gallery\"><\/figure>\n\t\t<div class=\"blog-top\">\n\t\t\t<header class=\"post-title entry-header\">\n\t\t\t\t<aside class=\"post-meta cf\">\n\t\t02\/09\/2021 \/ <a href=\"https:\/\/www.psib-psoe.org\/menorca\/category\/ciutadella\/\" rel=\"category tag\">Ciutadella<\/a>, <a href=\"https:\/\/www.psib-psoe.org\/menorca\/category\/federacio-de-menorca\/\" rel=\"category tag\">Federaci\u00f3 de Menorca<\/a>, <a href=\"https:\/\/www.psib-psoe.org\/menorca\/category\/federacio-de-menorca-portada\/\" rel=\"category tag\">Federaci\u00f3 de Menorca - Portada<\/a>, <a href=\"https:\/\/www.psib-psoe.org\/menorca\/category\/municipis\/\" rel=\"category tag\">Municipis<\/a>, <a href=\"https:\/\/www.psib-psoe.org\/menorca\/category\/portada\/\" rel=\"category tag\">Portada<\/a><\/aside>\n\t\t\t\t<h3 itemprop=\"headline\"><a href=\"https:\/\/www.psib-psoe.org\/menorca\/el-psoe-menorca-celebra-que-la-justicia-hagi-desestimat-el-recurs-presentat-pel-pp-en-el-cas-de-lescorxador-municipal-de-ciutadella\/\" title=\"El PSOE Menorca celebra que la Just\u00edcia hagi desestimat el recurs presentat pel PP en el cas de l&#8217;escorxador municipal de Ciutadella\">El PSOE Menorca celebra que la Just\u00edcia hagi desestimat el recurs presentat pel PP en el cas de l&#8217;escorxador municipal de Ciutadella<\/a><\/h3>\n\t\t\t<\/header>\n\t\t<\/div>\n\t\t<div class=\"post-content\">\n\t\t\t<a href=\"https:\/\/www.psib-psoe.org\/menorca\/el-psoe-menorca-celebra-que-la-justicia-hagi-desestimat-el-recurs-presentat-pel-pp-en-el-cas-de-lescorxador-municipal-de-ciutadella\/\" class=\"more-link\">Read More<\/a>\n\t\t<\/div>\n\t\t\t<aside class=\"post-bottom-meta hide\">\n\t\t<strong rel=\"author\" itemprop=\"author\" class=\"author vcard\"><span class=\"fn\">PSOE Menorca<\/span><\/strong>\n\t\t<time class=\"date published time\" datetime=\"2021-09-02T11:12:13+02:00\" itemprop=\"datePublished\" content=\"2021-09-02T11:12:13+02:00\">02\/09\/2021<\/time>\n\t\t<meta itemprop=\"dateModified\" class=\"date updated\" content=\"2021-09-02T11:20:22+02:00\">\n\t\t<span class=\"hide\" itemprop=\"publisher\" itemscope itemtype=\"https:\/\/schema.org\/Organization\">\n\t\t\t<meta itemprop=\"name\" content=\"Federaci\u00f3 Socialista de Menorca\">\n\t\t\t<span itemprop=\"logo\" itemscope itemtype=\"https:\/\/schema.org\/ImageObject\">\n\t\t\t\t<meta itemprop=\"url\" content=\"https:\/\/www.psib-psoe.org\/menorca\/wp-content\/themes\/notio-wp\/assets\/img\/logo.png\">\n\t\t\t<\/span>\n\t\t\t<meta itemprop=\"url\" content=\"https:\/\/www.psib-psoe.org\/menorca\/\">\n\t\t<\/span>\n\t\t\t\t<meta itemscope itemprop=\"mainEntityOfPage\" itemtype=\"https:\/\/schema.org\/WebPage\" itemid=\"https:\/\/www.psib-psoe.org\/menorca\/el-psoe-menorca-celebra-que-la-justicia-hagi-desestimat-el-recurs-presentat-pel-pp-en-el-cas-de-lescorxador-municipal-de-ciutadella\/\">\n\t<\/aside>\n\t\t<\/article>\n<\/div>\n<div class=\"small-12 large-4 columns\">\n\t<article itemscope itemtype=\"http:\/\/schema.org\/Article\" class=\"post blog-style7 alt post-26001 type-post status-publish format-standard hentry category-alaior category-federacio-de-menorca category-federacio-de-menorca-portada category-municipis category-portada\" role=\"article\">\n\t\t<figure class=\"post-gallery\"><\/figure>\n\t\t<div class=\"blog-top\">\n\t\t\t<header class=\"post-title entry-header\">\n\t\t\t\t<aside class=\"post-meta cf\">\n\t\t27\/08\/2021 \/ <a href=\"https:\/\/www.psib-psoe.org\/menorca\/category\/alaior\/\" rel=\"category tag\">Alaior<\/a>, <a href=\"https:\/\/www.psib-psoe.org\/menorca\/category\/federacio-de-menorca\/\" rel=\"category tag\">Federaci\u00f3 de Menorca<\/a>, <a href=\"https:\/\/www.psib-psoe.org\/menorca\/category\/federacio-de-menorca-portada\/\" rel=\"category tag\">Federaci\u00f3 de Menorca - Portada<\/a>, <a href=\"https:\/\/www.psib-psoe.org\/menorca\/category\/municipis\/\" rel=\"category tag\">Municipis<\/a>, <a href=\"https:\/\/www.psib-psoe.org\/menorca\/category\/portada\/\" rel=\"category tag\">Portada<\/a><\/aside>\n\t\t\t\t<h3 itemprop=\"headline\"><a href=\"https:\/\/www.psib-psoe.org\/menorca\/antoni-perea-lampliacio-del-geriatric-municipal-no-es-una-realitat-per-la-manca-de-compromis-i-voluntat-del-partit-popular-dalaior\/\" title=\"Antoni Perea: &#8220;l&#8217;ampliaci\u00f3 del geri\u00e0tric municipal no \u00e9s una realitat per la manca de comprom\u00eds i voluntat del Partit Popular d&#8217;Alaior&#8221;\">Antoni Perea: &#8220;l&#8217;ampliaci\u00f3 del geri\u00e0tric municipal no \u00e9s una realitat per la manca de comprom\u00eds i voluntat del Partit Popular d&#8217;Alaior&#8221;<\/a><\/h3>\n\t\t\t<\/header>\n\t\t<\/div>\n\t\t<div class=\"post-content\">\n\t\t\t<a href=\"https:\/\/www.psib-psoe.org\/menorca\/antoni-perea-lampliacio-del-geriatric-municipal-no-es-una-realitat-per-la-manca-de-compromis-i-voluntat-del-partit-popular-dalaior\/\" class=\"more-link\">Read More<\/a>\n\t\t<\/div>\n\t\t\t<aside class=\"post-bottom-meta hide\">\n\t\t<strong rel=\"author\" itemprop=\"author\" class=\"author vcard\"><span class=\"fn\">PSOE Menorca<\/span><\/strong>\n\t\t<time class=\"date published time\" datetime=\"2021-08-27T14:17:41+02:00\" itemprop=\"datePublished\" content=\"2021-08-27T14:17:41+02:00\">27\/08\/2021<\/time>\n\t\t<meta itemprop=\"dateModified\" class=\"date updated\" content=\"2021-09-13T14:27:47+02:00\">\n\t\t<span class=\"hide\" itemprop=\"publisher\" itemscope itemtype=\"https:\/\/schema.org\/Organization\">\n\t\t\t<meta itemprop=\"name\" content=\"Federaci\u00f3 Socialista de Menorca\">\n\t\t\t<span itemprop=\"logo\" itemscope itemtype=\"https:\/\/schema.org\/ImageObject\">\n\t\t\t\t<meta itemprop=\"url\" content=\"https:\/\/www.psib-psoe.org\/menorca\/wp-content\/themes\/notio-wp\/assets\/img\/logo.png\">\n\t\t\t<\/span>\n\t\t\t<meta itemprop=\"url\" content=\"https:\/\/www.psib-psoe.org\/menorca\/\">\n\t\t<\/span>\n\t\t\t\t<meta itemscope itemprop=\"mainEntityOfPage\" itemtype=\"https:\/\/schema.org\/WebPage\" itemid=\"https:\/\/www.psib-psoe.org\/menorca\/antoni-perea-lampliacio-del-geriatric-municipal-no-es-una-realitat-per-la-manca-de-compromis-i-voluntat-del-partit-popular-dalaior\/\">\n\t<\/aside>\n\t\t<\/article>\n<\/div>\n<div class=\"small-12 large-4 columns\">\n\t<article itemscope itemtype=\"http:\/\/schema.org\/Article\" class=\"post blog-style7 alt post-25987 type-post status-publish format-standard hentry category-federacio-de-menorca category-federacio-de-menorca-portada category-ferreries category-municipis category-portada\" role=\"article\">\n\t\t<figure class=\"post-gallery\"><\/figure>\n\t\t<div class=\"blog-top\">\n\t\t\t<header class=\"post-title entry-header\">\n\t\t\t\t<aside class=\"post-meta cf\">\n\t\t16\/08\/2021 \/ <a href=\"https:\/\/www.psib-psoe.org\/menorca\/category\/federacio-de-menorca\/\" rel=\"category tag\">Federaci\u00f3 de Menorca<\/a>, <a href=\"https:\/\/www.psib-psoe.org\/menorca\/category\/federacio-de-menorca-portada\/\" rel=\"category tag\">Federaci\u00f3 de Menorca - Portada<\/a>, <a href=\"https:\/\/www.psib-psoe.org\/menorca\/category\/ferreries\/\" rel=\"category tag\">Ferreries<\/a>, <a href=\"https:\/\/www.psib-psoe.org\/menorca\/category\/municipis\/\" rel=\"category tag\">Municipis<\/a>, <a href=\"https:\/\/www.psib-psoe.org\/menorca\/category\/portada\/\" rel=\"category tag\">Portada<\/a><\/aside>\n\t\t\t\t<h3 itemprop=\"headline\"><a href=\"https:\/\/www.psib-psoe.org\/menorca\/enriqueta-camps-refirma-el-compromis-de-lajuntament-de-ferreries-en-cedir-sol-public-per-a-la-construccio-dhabitatges-publics\/\" title=\"Enriqueta Camps reafirma el comprom\u00eds de l&#8217;ajuntament de Ferreries en cedir s\u00f2l p\u00fablic per a la construcci\u00f3 d&#8217;habitatges p\u00fablics\">Enriqueta Camps reafirma el comprom\u00eds de l&#8217;ajuntament de Ferreries en cedir s\u00f2l p\u00fablic per a la construcci\u00f3 d&#8217;habitatges p\u00fablics<\/a><\/h3>\n\t\t\t<\/header>\n\t\t<\/div>\n\t\t<div class=\"post-content\">\n\t\t\t<a href=\"https:\/\/www.psib-psoe.org\/menorca\/enriqueta-camps-refirma-el-compromis-de-lajuntament-de-ferreries-en-cedir-sol-public-per-a-la-construccio-dhabitatges-publics\/\" class=\"more-link\">Read More<\/a>\n\t\t<\/div>\n\t\t\t<aside class=\"post-bottom-meta hide\">\n\t\t<strong rel=\"author\" itemprop=\"author\" class=\"author vcard\"><span class=\"fn\">PSOE Menorca<\/span><\/strong>\n\t\t<time class=\"date published time\" datetime=\"2021-08-16T12:24:16+02:00\" itemprop=\"datePublished\" content=\"2021-08-16T12:24:16+02:00\">16\/08\/2021<\/time>\n\t\t<meta itemprop=\"dateModified\" class=\"date updated\" content=\"2021-08-25T13:26:48+02:00\">\n\t\t<span class=\"hide\" itemprop=\"publisher\" itemscope itemtype=\"https:\/\/schema.org\/Organization\">\n\t\t\t<meta itemprop=\"name\" content=\"Federaci\u00f3 Socialista de Menorca\">\n\t\t\t<span itemprop=\"logo\" itemscope itemtype=\"https:\/\/schema.org\/ImageObject\">\n\t\t\t\t<meta itemprop=\"url\" content=\"https:\/\/www.psib-psoe.org\/menorca\/wp-content\/themes\/notio-wp\/assets\/img\/logo.png\">\n\t\t\t<\/span>\n\t\t\t<meta itemprop=\"url\" content=\"https:\/\/www.psib-psoe.org\/menorca\/\">\n\t\t<\/span>\n\t\t\t\t<meta itemscope itemprop=\"mainEntityOfPage\" itemtype=\"https:\/\/schema.org\/WebPage\" itemid=\"https:\/\/www.psib-psoe.org\/menorca\/enriqueta-camps-refirma-el-compromis-de-lajuntament-de-ferreries-en-cedir-sol-public-per-a-la-construccio-dhabitatges-publics\/\">\n\t<\/aside>\n\t\t<\/article>\n<\/div>\n<div class=\"small-12 large-4 columns\">\n\t<article itemscope itemtype=\"http:\/\/schema.org\/Article\" class=\"post blog-style7 alt post-25962 type-post status-publish format-standard hentry category-ciutadella category-federacio-de-menorca category-federacio-de-menorca-portada category-municipis category-portada\" role=\"article\">\n\t\t<figure class=\"post-gallery\"><\/figure>\n\t\t<div class=\"blog-top\">\n\t\t\t<header class=\"post-title entry-header\">\n\t\t\t\t<aside class=\"post-meta cf\">\n\t\t12\/08\/2021 \/ <a href=\"https:\/\/www.psib-psoe.org\/menorca\/category\/ciutadella\/\" rel=\"category tag\">Ciutadella<\/a>, <a href=\"https:\/\/www.psib-psoe.org\/menorca\/category\/federacio-de-menorca\/\" rel=\"category tag\">Federaci\u00f3 de Menorca<\/a>, <a href=\"https:\/\/www.psib-psoe.org\/menorca\/category\/federacio-de-menorca-portada\/\" rel=\"category tag\">Federaci\u00f3 de Menorca - Portada<\/a>, <a href=\"https:\/\/www.psib-psoe.org\/menorca\/category\/municipis\/\" rel=\"category tag\">Municipis<\/a>, <a href=\"https:\/\/www.psib-psoe.org\/menorca\/category\/portada\/\" rel=\"category tag\">Portada<\/a><\/aside>\n\t\t\t\t<h3 itemprop=\"headline\"><a href=\"https:\/\/www.psib-psoe.org\/menorca\/noemi-camps-larxivament-provisionalment-del-cas-de-lescorxador-municipal-demostra-que-el-psoe-lha-gestionat-de-forma-transparent\/\" title=\"Noem\u00ed Camps: &#8220;L&#8217;arxivament provisional del cas de l&#8217;escorxador municipal demostra que el PSOE l&#8217;ha gestionat de forma transparent&#8221;\">Noem\u00ed Camps: &#8220;L&#8217;arxivament provisional del cas de l&#8217;escorxador municipal demostra que el PSOE l&#8217;ha gestionat de forma transparent&#8221;<\/a><\/h3>\n\t\t\t<\/header>\n\t\t<\/div>\n\t\t<div class=\"post-content\">\n\t\t\t<a href=\"https:\/\/www.psib-psoe.org\/menorca\/noemi-camps-larxivament-provisionalment-del-cas-de-lescorxador-municipal-demostra-que-el-psoe-lha-gestionat-de-forma-transparent\/\" class=\"more-link\">Read More<\/a>\n\t\t<\/div>\n\t\t\t<aside class=\"post-bottom-meta hide\">\n\t\t<strong rel=\"author\" itemprop=\"author\" class=\"author vcard\"><span class=\"fn\">PSOE Menorca<\/span><\/strong>\n\t\t<time class=\"date published time\" datetime=\"2021-08-12T10:52:30+02:00\" itemprop=\"datePublished\" content=\"2021-08-12T10:52:30+02:00\">12\/08\/2021<\/time>\n\t\t<meta itemprop=\"dateModified\" class=\"date updated\" content=\"2021-08-25T10:27:37+02:00\">\n\t\t<span class=\"hide\" itemprop=\"publisher\" itemscope itemtype=\"https:\/\/schema.org\/Organization\">\n\t\t\t<meta itemprop=\"name\" content=\"Federaci\u00f3 Socialista de Menorca\">\n\t\t\t<span itemprop=\"logo\" itemscope itemtype=\"https:\/\/schema.org\/ImageObject\">\n\t\t\t\t<meta itemprop=\"url\" content=\"https:\/\/www.psib-psoe.org\/menorca\/wp-content\/themes\/notio-wp\/assets\/img\/logo.png\">\n\t\t\t<\/span>\n\t\t\t<meta itemprop=\"url\" content=\"https:\/\/www.psib-psoe.org\/menorca\/\">\n\t\t<\/span>\n\t\t\t\t<meta itemscope itemprop=\"mainEntityOfPage\" itemtype=\"https:\/\/schema.org\/WebPage\" itemid=\"https:\/\/www.psib-psoe.org\/menorca\/noemi-camps-larxivament-provisionalment-del-cas-de-lescorxador-municipal-demostra-que-el-psoe-lha-gestionat-de-forma-transparent\/\">\n\t<\/aside>\n\t\t<\/article>\n<\/div>\n<div class=\"small-12 large-4 columns\">\n\t<article itemscope itemtype=\"http:\/\/schema.org\/Article\" class=\"post blog-style7 alt post-25939 type-post status-publish format-standard hentry category-federacio-de-menorca category-federacio-de-menorca-portada category-municipis category-portada category-sant-lluis\" role=\"article\">\n\t\t<figure class=\"post-gallery\"><\/figure>\n\t\t<div class=\"blog-top\">\n\t\t\t<header class=\"post-title entry-header\">\n\t\t\t\t<aside class=\"post-meta cf\">\n\t\t09\/08\/2021 \/ <a href=\"https:\/\/www.psib-psoe.org\/menorca\/category\/federacio-de-menorca\/\" rel=\"category tag\">Federaci\u00f3 de Menorca<\/a>, <a href=\"https:\/\/www.psib-psoe.org\/menorca\/category\/federacio-de-menorca-portada\/\" rel=\"category tag\">Federaci\u00f3 de Menorca - Portada<\/a>, <a href=\"https:\/\/www.psib-psoe.org\/menorca\/category\/municipis\/\" rel=\"category tag\">Municipis<\/a>, <a href=\"https:\/\/www.psib-psoe.org\/menorca\/category\/portada\/\" rel=\"category tag\">Portada<\/a>, <a href=\"https:\/\/www.psib-psoe.org\/menorca\/category\/sant-lluis\/\" rel=\"category tag\">Sant Llu\u00eds<\/a><\/aside>\n\t\t\t\t<h3 itemprop=\"headline\"><a href=\"https:\/\/www.psib-psoe.org\/menorca\/carol-marques-la-promocio-dhabitatges-socials-a-sant-lluis-es-van-iniciar-sent-regidora-es-van-executar-estant-a-la-conselleria-dhabitatge-i-els-hem-inaugurat-sent-batlessa\/\" title=\"Carol Marqu\u00e8s: &#8220;La promoci\u00f3 d\u2019habitatges socials a Sant Llu\u00eds es va iniciar sent regidora, es va executar estant a la Conselleria d\u2019Habitatge i l&#8217;hem inaugurat sent batlessa&#8221;\">Carol Marqu\u00e8s: &#8220;La promoci\u00f3 d\u2019habitatges socials a Sant Llu\u00eds es va iniciar sent regidora, es va executar estant a la Conselleria d\u2019Habitatge i l&#8217;hem inaugurat sent batlessa&#8221;<\/a><\/h3>\n\t\t\t<\/header>\n\t\t<\/div>\n\t\t<div class=\"post-content\">\n\t\t\t<a href=\"https:\/\/www.psib-psoe.org\/menorca\/carol-marques-la-promocio-dhabitatges-socials-a-sant-lluis-es-van-iniciar-sent-regidora-es-van-executar-estant-a-la-conselleria-dhabitatge-i-els-hem-inaugurat-sent-batlessa\/\" class=\"more-link\">Read More<\/a>\n\t\t<\/div>\n\t\t\t<aside class=\"post-bottom-meta hide\">\n\t\t<strong rel=\"author\" itemprop=\"author\" class=\"author vcard\"><span class=\"fn\">PSOE Menorca<\/span><\/strong>\n\t\t<time class=\"date published time\" datetime=\"2021-08-09T13:38:25+02:00\" itemprop=\"datePublished\" content=\"2021-08-09T13:38:25+02:00\">09\/08\/2021<\/time>\n\t\t<meta itemprop=\"dateModified\" class=\"date updated\" content=\"2021-08-25T10:28:38+02:00\">\n\t\t<span class=\"hide\" itemprop=\"publisher\" itemscope itemtype=\"https:\/\/schema.org\/Organization\">\n\t\t\t<meta itemprop=\"name\" content=\"Federaci\u00f3 Socialista de Menorca\">\n\t\t\t<span itemprop=\"logo\" itemscope itemtype=\"https:\/\/schema.org\/ImageObject\">\n\t\t\t\t<meta itemprop=\"url\" content=\"https:\/\/www.psib-psoe.org\/menorca\/wp-content\/themes\/notio-wp\/assets\/img\/logo.png\">\n\t\t\t<\/span>\n\t\t\t<meta itemprop=\"url\" content=\"https:\/\/www.psib-psoe.org\/menorca\/\">\n\t\t<\/span>\n\t\t\t\t<meta itemscope itemprop=\"mainEntityOfPage\" itemtype=\"https:\/\/schema.org\/WebPage\" itemid=\"https:\/\/www.psib-psoe.org\/menorca\/carol-marques-la-promocio-dhabitatges-socials-a-sant-lluis-es-van-iniciar-sent-regidora-es-van-executar-estant-a-la-conselleria-dhabitatge-i-els-hem-inaugurat-sent-batlessa\/\">\n\t<\/aside>\n\t\t<\/article>\n<\/div>\n<div class=\"small-12 large-4 columns\">\n\t<article itemscope itemtype=\"http:\/\/schema.org\/Article\" class=\"post blog-style7 alt post-25749 type-post status-publish format-standard hentry category-consell-de-menorca category-federacio-de-menorca category-federacio-de-menorca-portada category-municipis category-portada\" role=\"article\">\n\t\t<figure class=\"post-gallery\"><\/figure>\n\t\t<div class=\"blog-top\">\n\t\t\t<header class=\"post-title entry-header\">\n\t\t\t\t<aside class=\"post-meta cf\">\n\t\t14\/09\/2020 \/ <a href=\"https:\/\/www.psib-psoe.org\/menorca\/category\/consell-de-menorca\/\" rel=\"category tag\">Consell de Menorca<\/a>, <a href=\"https:\/\/www.psib-psoe.org\/menorca\/category\/federacio-de-menorca\/\" rel=\"category tag\">Federaci\u00f3 de Menorca<\/a>, <a href=\"https:\/\/www.psib-psoe.org\/menorca\/category\/federacio-de-menorca-portada\/\" rel=\"category tag\">Federaci\u00f3 de Menorca - Portada<\/a>, <a href=\"https:\/\/www.psib-psoe.org\/menorca\/category\/municipis\/\" rel=\"category tag\">Municipis<\/a>, <a href=\"https:\/\/www.psib-psoe.org\/menorca\/category\/portada\/\" rel=\"category tag\">Portada<\/a><\/aside>\n\t\t\t\t<h3 itemprop=\"headline\"><a href=\"https:\/\/www.psib-psoe.org\/menorca\/el-psoe-menorca-lamenta-la-derogacio-del-decret-dels-romanents-que-obligara-a-seguir-mantenint-el-superavit-municipal-paralitzat\/\" title=\"El PSOE Menorca lamenta la derogaci\u00f3 del decret dels romanents que obligar\u00e0 a seguir mantenint el super\u00e0vit municipal paralitzat\">El PSOE Menorca lamenta la derogaci\u00f3 del decret dels romanents que obligar\u00e0 a seguir mantenint el super\u00e0vit municipal paralitzat<\/a><\/h3>\n\t\t\t<\/header>\n\t\t<\/div>\n\t\t<div class=\"post-content\">\n\t\t\t<a href=\"https:\/\/www.psib-psoe.org\/menorca\/el-psoe-menorca-lamenta-la-derogacio-del-decret-dels-romanents-que-obligara-a-seguir-mantenint-el-superavit-municipal-paralitzat\/\" class=\"more-link\">Read More<\/a>\n\t\t<\/div>\n\t\t\t<aside class=\"post-bottom-meta hide\">\n\t\t<strong rel=\"author\" itemprop=\"author\" class=\"author vcard\"><span class=\"fn\">PSOE Menorca<\/span><\/strong>\n\t\t<time class=\"date published time\" datetime=\"2020-09-14T17:21:01+02:00\" itemprop=\"datePublished\" content=\"2020-09-14T17:21:01+02:00\">14\/09\/2020<\/time>\n\t\t<meta itemprop=\"dateModified\" class=\"date updated\" content=\"2020-09-14T17:21:01+02:00\">\n\t\t<span class=\"hide\" itemprop=\"publisher\" itemscope itemtype=\"https:\/\/schema.org\/Organization\">\n\t\t\t<meta itemprop=\"name\" content=\"Federaci\u00f3 Socialista de Menorca\">\n\t\t\t<span itemprop=\"logo\" itemscope itemtype=\"https:\/\/schema.org\/ImageObject\">\n\t\t\t\t<meta itemprop=\"url\" content=\"https:\/\/www.psib-psoe.org\/menorca\/wp-content\/themes\/notio-wp\/assets\/img\/logo.png\">\n\t\t\t<\/span>\n\t\t\t<meta itemprop=\"url\" content=\"https:\/\/www.psib-psoe.org\/menorca\/\">\n\t\t<\/span>\n\t\t\t\t<meta itemscope itemprop=\"mainEntityOfPage\" itemtype=\"https:\/\/schema.org\/WebPage\" itemid=\"https:\/\/www.psib-psoe.org\/menorca\/el-psoe-menorca-lamenta-la-derogacio-del-decret-dels-romanents-que-obligara-a-seguir-mantenint-el-superavit-municipal-paralitzat\/\">\n\t<\/aside>\n\t\t<\/article>\n<\/div>\n<div class=\"small-12 large-4 columns\">\n\t<article itemscope itemtype=\"http:\/\/schema.org\/Article\" class=\"post blog-style7 alt post-25745 type-post status-publish format-standard hentry category-federacio-de-menorca category-federacio-de-menorca-portada category-municipis category-portada\" role=\"article\">\n\t\t<figure class=\"post-gallery\"><\/figure>\n\t\t<div class=\"blog-top\">\n\t\t\t<header class=\"post-title entry-header\">\n\t\t\t\t<aside class=\"post-meta cf\">\n\t\t10\/09\/2020 \/ <a href=\"https:\/\/www.psib-psoe.org\/menorca\/category\/federacio-de-menorca\/\" rel=\"category tag\">Federaci\u00f3 de Menorca<\/a>, <a href=\"https:\/\/www.psib-psoe.org\/menorca\/category\/federacio-de-menorca-portada\/\" rel=\"category tag\">Federaci\u00f3 de Menorca - Portada<\/a>, <a href=\"https:\/\/www.psib-psoe.org\/menorca\/category\/municipis\/\" rel=\"category tag\">Municipis<\/a>, <a href=\"https:\/\/www.psib-psoe.org\/menorca\/category\/portada\/\" rel=\"category tag\">Portada<\/a><\/aside>\n\t\t\t\t<h3 itemprop=\"headline\"><a href=\"https:\/\/www.psib-psoe.org\/menorca\/el-psoe-menorca-demana-que-els-fons-europeus-consolidin-la-marca-menorca-per-seguir-sent-una-destinacio-turistica-sostenible-exemplar\/\" title=\"El PSOE Menorca demana que els fons europeus consolidin la marca Menorca per seguir sent una destinaci\u00f3 tur\u00edstica sostenible exemplar\">El PSOE Menorca demana que els fons europeus consolidin la marca Menorca per seguir sent una destinaci\u00f3 tur\u00edstica sostenible exemplar<\/a><\/h3>\n\t\t\t<\/header>\n\t\t<\/div>\n\t\t<div class=\"post-content\">\n\t\t\t<a href=\"https:\/\/www.psib-psoe.org\/menorca\/el-psoe-menorca-demana-que-els-fons-europeus-consolidin-la-marca-menorca-per-seguir-sent-una-destinacio-turistica-sostenible-exemplar\/\" class=\"more-link\">Read More<\/a>\n\t\t<\/div>\n\t\t\t<aside class=\"post-bottom-meta hide\">\n\t\t<strong rel=\"author\" itemprop=\"author\" class=\"author vcard\"><span class=\"fn\">PSOE Menorca<\/span><\/strong>\n\t\t<time class=\"date published time\" datetime=\"2020-09-10T17:16:44+02:00\" itemprop=\"datePublished\" content=\"2020-09-10T17:16:44+02:00\">10\/09\/2020<\/time>\n\t\t<meta itemprop=\"dateModified\" class=\"date updated\" content=\"2020-09-10T17:16:44+02:00\">\n\t\t<span class=\"hide\" itemprop=\"publisher\" itemscope itemtype=\"https:\/\/schema.org\/Organization\">\n\t\t\t<meta itemprop=\"name\" content=\"Federaci\u00f3 Socialista de Menorca\">\n\t\t\t<span itemprop=\"logo\" itemscope itemtype=\"https:\/\/schema.org\/ImageObject\">\n\t\t\t\t<meta itemprop=\"url\" content=\"https:\/\/www.psib-psoe.org\/menorca\/wp-content\/themes\/notio-wp\/assets\/img\/logo.png\">\n\t\t\t<\/span>\n\t\t\t<meta itemprop=\"url\" content=\"https:\/\/www.psib-psoe.org\/menorca\/\">\n\t\t<\/span>\n\t\t\t\t<meta itemscope itemprop=\"mainEntityOfPage\" itemtype=\"https:\/\/schema.org\/WebPage\" itemid=\"https:\/\/www.psib-psoe.org\/menorca\/el-psoe-menorca-demana-que-els-fons-europeus-consolidin-la-marca-menorca-per-seguir-sent-una-destinacio-turistica-sostenible-exemplar\/\">\n\t<\/aside>\n\t\t<\/article>\n<\/div>\n<div class=\"small-12 large-4 columns\">\n\t<article itemscope itemtype=\"http:\/\/schema.org\/Article\" class=\"post blog-style7 alt post-25157 type-post status-publish format-standard hentry category-federacio-de-menorca category-municipis category-portada\" role=\"article\">\n\t\t<figure class=\"post-gallery\"><\/figure>\n\t\t<div class=\"blog-top\">\n\t\t\t<header class=\"post-title entry-header\">\n\t\t\t\t<aside class=\"post-meta cf\">\n\t\t10\/03\/2020 \/ <a href=\"https:\/\/www.psib-psoe.org\/menorca\/category\/federacio-de-menorca\/\" rel=\"category tag\">Federaci\u00f3 de Menorca<\/a>, <a href=\"https:\/\/www.psib-psoe.org\/menorca\/category\/municipis\/\" rel=\"category tag\">Municipis<\/a>, <a href=\"https:\/\/www.psib-psoe.org\/menorca\/category\/portada\/\" rel=\"category tag\">Portada<\/a><\/aside>\n\t\t\t\t<h3 itemprop=\"headline\"><a href=\"https:\/\/www.psib-psoe.org\/menorca\/el-psoe-mao-reforca-i-reestructura-el-seu-comite-local\/\" title=\"El PSOE Ma\u00f3 refor\u00e7a i reestructura el seu Comit\u00e8 Local\">El PSOE Ma\u00f3 refor\u00e7a i reestructura el seu Comit\u00e8 Local<\/a><\/h3>\n\t\t\t<\/header>\n\t\t<\/div>\n\t\t<div class=\"post-content\">\n\t\t\t<a href=\"https:\/\/www.psib-psoe.org\/menorca\/el-psoe-mao-reforca-i-reestructura-el-seu-comite-local\/\" class=\"more-link\">Read More<\/a>\n\t\t<\/div>\n\t\t\t<aside class=\"post-bottom-meta hide\">\n\t\t<strong rel=\"author\" itemprop=\"author\" class=\"author vcard\"><span class=\"fn\">PSOE Menorca<\/span><\/strong>\n\t\t<time class=\"date published time\" datetime=\"2020-03-10T11:37:02+02:00\" itemprop=\"datePublished\" content=\"2020-03-10T11:37:02+02:00\">10\/03\/2020<\/time>\n\t\t<meta itemprop=\"dateModified\" class=\"date updated\" content=\"2020-03-23T18:09:49+02:00\">\n\t\t<span class=\"hide\" itemprop=\"publisher\" itemscope itemtype=\"https:\/\/schema.org\/Organization\">\n\t\t\t<meta itemprop=\"name\" content=\"Federaci\u00f3 Socialista de Menorca\">\n\t\t\t<span itemprop=\"logo\" itemscope itemtype=\"https:\/\/schema.org\/ImageObject\">\n\t\t\t\t<meta itemprop=\"url\" content=\"https:\/\/www.psib-psoe.org\/menorca\/wp-content\/themes\/notio-wp\/assets\/img\/logo.png\">\n\t\t\t<\/span>\n\t\t\t<meta itemprop=\"url\" content=\"https:\/\/www.psib-psoe.org\/menorca\/\">\n\t\t<\/span>\n\t\t\t\t<meta itemscope itemprop=\"mainEntityOfPage\" itemtype=\"https:\/\/schema.org\/WebPage\" itemid=\"https:\/\/www.psib-psoe.org\/menorca\/el-psoe-mao-reforca-i-reestructura-el-seu-comite-local\/\">\n\t<\/aside>\n\t\t<\/article>\n<\/div>\n\t<\/div>\n\t[vc_btn title=&#8221;Veure not\u00edcies antigues&#8221; style=&#8221;outline-custom&#8221; outline_custom_color=&#8221;#e20025&#8243; outline_custom_hover_background=&#8221;#e20025&#8243; outline_custom_hover_text=&#8221;#ffffff&#8221; shape=&#8221;square&#8221; align=&#8221;center&#8221; link=&#8221;url:https%3A%2F%2Fpsoemenorca.com%2Fhemeroteca||target:%20_blank|&#8221;][\/vc_column][\/vc_row][vc_row][vc_column][vc_empty_space height=&#8221;100px&#8221;][vc_column_text]\n<h2 class=\"bold\">Actualitat: Municipis<\/h2>\n[\/vc_column_text][vc_separator color=&#8221;custom&#8221; align=&#8221;align_left&#8221; border_width=&#8221;3&#8243; el_width=&#8221;10&#8243; accent_color=&#8221;#e30613&#8243;][vc_empty_space height=&#8221;60px&#8221;][vc_wp_custommenu nav_menu=&#8221;67&#8243; el_class=&#8221;filtros&#8221;]\t<div class=\"posts-shortcode align-stretch blog-listing-style8 row \">\n\t\t<div class=\"small-12 large-4 columns\">\n\t<article itemscope itemtype=\"http:\/\/schema.org\/Article\" class=\"post blog-style7 alt post-27141 type-post status-publish format-standard hentry category-federacio-de-menorca category-federacio-de-menorca-portada category-municipis category-portada\" role=\"article\">\n\t\t<figure class=\"post-gallery\"><\/figure>\n\t\t<div class=\"blog-top\">\n\t\t\t<header class=\"post-title entry-header\">\n\t\t\t\t<aside class=\"post-meta cf\">\n\t\t10\/10\/2025 \/ <a href=\"https:\/\/www.psib-psoe.org\/menorca\/category\/federacio-de-menorca\/\" rel=\"category tag\">Federaci\u00f3 de Menorca<\/a>, <a href=\"https:\/\/www.psib-psoe.org\/menorca\/category\/federacio-de-menorca-portada\/\" rel=\"category tag\">Federaci\u00f3 de Menorca - Portada<\/a>, <a href=\"https:\/\/www.psib-psoe.org\/menorca\/category\/municipis\/\" rel=\"category tag\">Municipis<\/a>, <a href=\"https:\/\/www.psib-psoe.org\/menorca\/category\/portada\/\" rel=\"category tag\">Portada<\/a><\/aside>\n\t\t\t\t<h3 itemprop=\"headline\"><a href=\"https:\/\/www.psib-psoe.org\/menorca\/mao-i-ciutadella-iniciaran-els-tramits-per-sollicitar-formalment-al-govern-la-declaracio-de-zona-tensada\/\" title=\"Ma\u00f3 i Ciutadella iniciaran els tr\u00e0mits per sol\u00b7licitar formalment al Govern la declaraci\u00f3 de zona tensada\">Ma\u00f3 i Ciutadella iniciaran els tr\u00e0mits per sol\u00b7licitar formalment al Govern la declaraci\u00f3 de zona tensada<\/a><\/h3>\n\t\t\t<\/header>\n\t\t<\/div>\n\t\t<div class=\"post-content\">\n\t\t\t<a href=\"https:\/\/www.psib-psoe.org\/menorca\/mao-i-ciutadella-iniciaran-els-tramits-per-sollicitar-formalment-al-govern-la-declaracio-de-zona-tensada\/\" class=\"more-link\">Read More<\/a>\n\t\t<\/div>\n\t\t\t<aside class=\"post-bottom-meta hide\">\n\t\t<strong rel=\"author\" itemprop=\"author\" class=\"author vcard\"><span class=\"fn\">PSOE Menorca<\/span><\/strong>\n\t\t<time class=\"date published time\" datetime=\"2025-10-10T13:10:39+02:00\" itemprop=\"datePublished\" content=\"2025-10-10T13:10:39+02:00\">10\/10\/2025<\/time>\n\t\t<meta itemprop=\"dateModified\" class=\"date updated\" content=\"2025-10-12T10:36:04+02:00\">\n\t\t<span class=\"hide\" itemprop=\"publisher\" itemscope itemtype=\"https:\/\/schema.org\/Organization\">\n\t\t\t<meta itemprop=\"name\" content=\"Federaci\u00f3 Socialista de Menorca\">\n\t\t\t<span itemprop=\"logo\" itemscope itemtype=\"https:\/\/schema.org\/ImageObject\">\n\t\t\t\t<meta itemprop=\"url\" content=\"https:\/\/www.psib-psoe.org\/menorca\/wp-content\/themes\/notio-wp\/assets\/img\/logo.png\">\n\t\t\t<\/span>\n\t\t\t<meta itemprop=\"url\" content=\"https:\/\/www.psib-psoe.org\/menorca\/\">\n\t\t<\/span>\n\t\t\t\t<meta itemscope itemprop=\"mainEntityOfPage\" itemtype=\"https:\/\/schema.org\/WebPage\" itemid=\"https:\/\/www.psib-psoe.org\/menorca\/mao-i-ciutadella-iniciaran-els-tramits-per-sollicitar-formalment-al-govern-la-declaracio-de-zona-tensada\/\">\n\t<\/aside>\n\t\t<\/article>\n<\/div>\n<div class=\"small-12 large-4 columns\">\n\t<article itemscope itemtype=\"http:\/\/schema.org\/Article\" class=\"post blog-style7 alt post-26918 type-post status-publish format-standard has-post-thumbnail hentry category-federacio-de-menorca category-federacio-de-menorca-portada category-municipis category-portada\" role=\"article\">\n\t\t<figure class=\"post-gallery\"><img loading=\"lazy\" decoding=\"async\" width=\"600\" height=\"400\" src=\"https:\/\/www.psib-psoe.org\/menorca\/wp-content\/uploads\/54438862369_2e751322e7_o-600x400.jpg\" class=\"attachment-notio-general-x2 size-notio-general-x2 wp-post-image\" alt=\"\" srcset=\"https:\/\/www.psib-psoe.org\/menorca\/wp-content\/uploads\/54438862369_2e751322e7_o-600x400.jpg 600w, https:\/\/www.psib-psoe.org\/menorca\/wp-content\/uploads\/54438862369_2e751322e7_o-300x200.jpg 300w, https:\/\/www.psib-psoe.org\/menorca\/wp-content\/uploads\/54438862369_2e751322e7_o-1024x683.jpg 1024w, https:\/\/www.psib-psoe.org\/menorca\/wp-content\/uploads\/54438862369_2e751322e7_o-768x512.jpg 768w, https:\/\/www.psib-psoe.org\/menorca\/wp-content\/uploads\/54438862369_2e751322e7_o-1536x1024.jpg 1536w, https:\/\/www.psib-psoe.org\/menorca\/wp-content\/uploads\/54438862369_2e751322e7_o-2048x1365.jpg 2048w, https:\/\/www.psib-psoe.org\/menorca\/wp-content\/uploads\/54438862369_2e751322e7_o-150x100.jpg 150w, https:\/\/www.psib-psoe.org\/menorca\/wp-content\/uploads\/54438862369_2e751322e7_o-900x600.jpg 900w, https:\/\/www.psib-psoe.org\/menorca\/wp-content\/uploads\/54438862369_2e751322e7_o-20x13.jpg 20w\" sizes=\"(max-width: 600px) 100vw, 600px\" \/><\/figure>\n\t\t<div class=\"blog-top\">\n\t\t\t<header class=\"post-title entry-header\">\n\t\t\t\t<aside class=\"post-meta cf\">\n\t\t11\/04\/2025 \/ <a href=\"https:\/\/www.psib-psoe.org\/menorca\/category\/federacio-de-menorca\/\" rel=\"category tag\">Federaci\u00f3 de Menorca<\/a>, <a href=\"https:\/\/www.psib-psoe.org\/menorca\/category\/federacio-de-menorca-portada\/\" rel=\"category tag\">Federaci\u00f3 de Menorca - Portada<\/a>, <a href=\"https:\/\/www.psib-psoe.org\/menorca\/category\/municipis\/\" rel=\"category tag\">Municipis<\/a>, <a href=\"https:\/\/www.psib-psoe.org\/menorca\/category\/portada\/\" rel=\"category tag\">Portada<\/a><\/aside>\n\t\t\t\t<h3 itemprop=\"headline\"><a href=\"https:\/\/www.psib-psoe.org\/menorca\/el-psoe-destaca-lagilitat-del-govern-despanya-en-la-resposta-als-aranzels-de-trump-i-demana-a-prohens-i-vilafranca-mes-compromis\/\" title=\"El PSOE destaca l\u2019agilitat del Govern d&#8217;Espanya en la resposta als aranzels de Trump i demana a Prohens i Vilafranca m\u00e9s comprom\u00eds\">El PSOE destaca l\u2019agilitat del Govern d&#8217;Espanya en la resposta als aranzels de Trump i demana a Prohens i Vilafranca m\u00e9s comprom\u00eds<\/a><\/h3>\n\t\t\t<\/header>\n\t\t<\/div>\n\t\t<div class=\"post-content\">\n\t\t\t<a href=\"https:\/\/www.psib-psoe.org\/menorca\/el-psoe-destaca-lagilitat-del-govern-despanya-en-la-resposta-als-aranzels-de-trump-i-demana-a-prohens-i-vilafranca-mes-compromis\/\" class=\"more-link\">Read More<\/a>\n\t\t<\/div>\n\t\t\t<aside class=\"post-bottom-meta hide\">\n\t\t<strong rel=\"author\" itemprop=\"author\" class=\"author vcard\"><span class=\"fn\">PSOE Menorca<\/span><\/strong>\n\t\t<time class=\"date published time\" datetime=\"2025-04-11T11:00:49+02:00\" itemprop=\"datePublished\" content=\"2025-04-11T11:00:49+02:00\">11\/04\/2025<\/time>\n\t\t<meta itemprop=\"dateModified\" class=\"date updated\" content=\"2025-04-11T11:01:01+02:00\">\n\t\t<span class=\"hide\" itemprop=\"publisher\" itemscope itemtype=\"https:\/\/schema.org\/Organization\">\n\t\t\t<meta itemprop=\"name\" content=\"Federaci\u00f3 Socialista de Menorca\">\n\t\t\t<span itemprop=\"logo\" itemscope itemtype=\"https:\/\/schema.org\/ImageObject\">\n\t\t\t\t<meta itemprop=\"url\" content=\"https:\/\/www.psib-psoe.org\/menorca\/wp-content\/themes\/notio-wp\/assets\/img\/logo.png\">\n\t\t\t<\/span>\n\t\t\t<meta itemprop=\"url\" content=\"https:\/\/www.psib-psoe.org\/menorca\/\">\n\t\t<\/span>\n\t\t\t\t<span class=\"hide\" itemprop=\"image\" itemscope itemtype=\"http:\/\/schema.org\/ImageObject\">\n\t\t\t<meta itemprop=\"url\" content=\"https:\/\/www.psib-psoe.org\/menorca\/wp-content\/uploads\/54438862369_2e751322e7_o-scaled.jpg\">\n\t\t\t<meta itemprop=\"width\" content=\"2560\">\n\t\t\t<meta itemprop=\"height\" content=\"1707\">\n\t\t<\/span>\n\t\t\t\t<meta itemscope itemprop=\"mainEntityOfPage\" itemtype=\"https:\/\/schema.org\/WebPage\" itemid=\"https:\/\/www.psib-psoe.org\/menorca\/el-psoe-destaca-lagilitat-del-govern-despanya-en-la-resposta-als-aranzels-de-trump-i-demana-a-prohens-i-vilafranca-mes-compromis\/\">\n\t<\/aside>\n\t\t<\/article>\n<\/div>\n<div class=\"small-12 large-4 columns\">\n\t<article itemscope itemtype=\"http:\/\/schema.org\/Article\" class=\"post blog-style7 alt post-26915 type-post status-publish format-standard has-post-thumbnail hentry category-federacio-de-menorca category-federacio-de-menorca-portada category-municipis category-portada\" role=\"article\">\n\t\t<figure class=\"post-gallery\"><img loading=\"lazy\" decoding=\"async\" width=\"600\" height=\"400\" src=\"https:\/\/www.psib-psoe.org\/menorca\/wp-content\/uploads\/Mercadal-al-Congres-600x400.jpg\" class=\"attachment-notio-general-x2 size-notio-general-x2 wp-post-image\" alt=\"\" srcset=\"https:\/\/www.psib-psoe.org\/menorca\/wp-content\/uploads\/Mercadal-al-Congres-600x400.jpg 600w, https:\/\/www.psib-psoe.org\/menorca\/wp-content\/uploads\/Mercadal-al-Congres-300x200.jpg 300w, https:\/\/www.psib-psoe.org\/menorca\/wp-content\/uploads\/Mercadal-al-Congres-900x600.jpg 900w, https:\/\/www.psib-psoe.org\/menorca\/wp-content\/uploads\/Mercadal-al-Congres-20x13.jpg 20w\" sizes=\"(max-width: 600px) 100vw, 600px\" \/><\/figure>\n\t\t<div class=\"blog-top\">\n\t\t\t<header class=\"post-title entry-header\">\n\t\t\t\t<aside class=\"post-meta cf\">\n\t\t10\/04\/2025 \/ <a href=\"https:\/\/www.psib-psoe.org\/menorca\/category\/federacio-de-menorca\/\" rel=\"category tag\">Federaci\u00f3 de Menorca<\/a>, <a href=\"https:\/\/www.psib-psoe.org\/menorca\/category\/federacio-de-menorca-portada\/\" rel=\"category tag\">Federaci\u00f3 de Menorca - Portada<\/a>, <a href=\"https:\/\/www.psib-psoe.org\/menorca\/category\/municipis\/\" rel=\"category tag\">Municipis<\/a>, <a href=\"https:\/\/www.psib-psoe.org\/menorca\/category\/portada\/\" rel=\"category tag\">Portada<\/a><\/aside>\n\t\t\t\t<h3 itemprop=\"headline\"><a href=\"https:\/\/www.psib-psoe.org\/menorca\/protegir-el-futur-dels-catxalots-al-nord-de-menorca-per-pepe-mercadal\/\" title=\"Protegir el futur dels catxalots al nord de Menorca, per Pepe Mercadal\">Protegir el futur dels catxalots al nord de Menorca, per Pepe Mercadal<\/a><\/h3>\n\t\t\t<\/header>\n\t\t<\/div>\n\t\t<div class=\"post-content\">\n\t\t\t<a href=\"https:\/\/www.psib-psoe.org\/menorca\/protegir-el-futur-dels-catxalots-al-nord-de-menorca-per-pepe-mercadal\/\" class=\"more-link\">Read More<\/a>\n\t\t<\/div>\n\t\t\t<aside class=\"post-bottom-meta hide\">\n\t\t<strong rel=\"author\" itemprop=\"author\" class=\"author vcard\"><span class=\"fn\">PSOE Menorca<\/span><\/strong>\n\t\t<time class=\"date published time\" datetime=\"2025-04-10T09:14:03+02:00\" itemprop=\"datePublished\" content=\"2025-04-10T09:14:03+02:00\">10\/04\/2025<\/time>\n\t\t<meta itemprop=\"dateModified\" class=\"date updated\" content=\"2025-04-10T09:14:15+02:00\">\n\t\t<span class=\"hide\" itemprop=\"publisher\" itemscope itemtype=\"https:\/\/schema.org\/Organization\">\n\t\t\t<meta itemprop=\"name\" content=\"Federaci\u00f3 Socialista de Menorca\">\n\t\t\t<span itemprop=\"logo\" itemscope itemtype=\"https:\/\/schema.org\/ImageObject\">\n\t\t\t\t<meta itemprop=\"url\" content=\"https:\/\/www.psib-psoe.org\/menorca\/wp-content\/themes\/notio-wp\/assets\/img\/logo.png\">\n\t\t\t<\/span>\n\t\t\t<meta itemprop=\"url\" content=\"https:\/\/www.psib-psoe.org\/menorca\/\">\n\t\t<\/span>\n\t\t\t\t<span class=\"hide\" itemprop=\"image\" itemscope itemtype=\"http:\/\/schema.org\/ImageObject\">\n\t\t\t<meta itemprop=\"url\" content=\"https:\/\/www.psib-psoe.org\/menorca\/wp-content\/uploads\/Mercadal-al-Congres.jpg\">\n\t\t\t<meta itemprop=\"width\" content=\"1366\">\n\t\t\t<meta itemprop=\"height\" content=\"2048\">\n\t\t<\/span>\n\t\t\t\t<meta itemscope itemprop=\"mainEntityOfPage\" itemtype=\"https:\/\/schema.org\/WebPage\" itemid=\"https:\/\/www.psib-psoe.org\/menorca\/protegir-el-futur-dels-catxalots-al-nord-de-menorca-per-pepe-mercadal\/\">\n\t<\/aside>\n\t\t<\/article>\n<\/div>\n<div class=\"small-12 large-4 columns\">\n\t<article itemscope itemtype=\"http:\/\/schema.org\/Article\" class=\"post blog-style7 alt post-26912 type-post status-publish format-standard has-post-thumbnail hentry category-federacio-de-menorca category-federacio-de-menorca-portada category-municipis category-portada\" role=\"article\">\n\t\t<figure class=\"post-gallery\"><img loading=\"lazy\" decoding=\"async\" width=\"600\" height=\"400\" src=\"https:\/\/www.psib-psoe.org\/menorca\/wp-content\/uploads\/DSC01706-600x400.jpg\" class=\"attachment-notio-general-x2 size-notio-general-x2 wp-post-image\" alt=\"\" srcset=\"https:\/\/www.psib-psoe.org\/menorca\/wp-content\/uploads\/DSC01706-600x400.jpg 600w, https:\/\/www.psib-psoe.org\/menorca\/wp-content\/uploads\/DSC01706-300x200.jpg 300w, https:\/\/www.psib-psoe.org\/menorca\/wp-content\/uploads\/DSC01706-1024x683.jpg 1024w, https:\/\/www.psib-psoe.org\/menorca\/wp-content\/uploads\/DSC01706-768x512.jpg 768w, https:\/\/www.psib-psoe.org\/menorca\/wp-content\/uploads\/DSC01706-1536x1024.jpg 1536w, https:\/\/www.psib-psoe.org\/menorca\/wp-content\/uploads\/DSC01706-2048x1365.jpg 2048w, https:\/\/www.psib-psoe.org\/menorca\/wp-content\/uploads\/DSC01706-150x100.jpg 150w, https:\/\/www.psib-psoe.org\/menorca\/wp-content\/uploads\/DSC01706-900x600.jpg 900w, https:\/\/www.psib-psoe.org\/menorca\/wp-content\/uploads\/DSC01706-20x13.jpg 20w\" sizes=\"(max-width: 600px) 100vw, 600px\" \/><\/figure>\n\t\t<div class=\"blog-top\">\n\t\t\t<header class=\"post-title entry-header\">\n\t\t\t\t<aside class=\"post-meta cf\">\n\t\t03\/04\/2025 \/ <a href=\"https:\/\/www.psib-psoe.org\/menorca\/category\/federacio-de-menorca\/\" rel=\"category tag\">Federaci\u00f3 de Menorca<\/a>, <a href=\"https:\/\/www.psib-psoe.org\/menorca\/category\/federacio-de-menorca-portada\/\" rel=\"category tag\">Federaci\u00f3 de Menorca - Portada<\/a>, <a href=\"https:\/\/www.psib-psoe.org\/menorca\/category\/municipis\/\" rel=\"category tag\">Municipis<\/a>, <a href=\"https:\/\/www.psib-psoe.org\/menorca\/category\/portada\/\" rel=\"category tag\">Portada<\/a><\/aside>\n\t\t\t\t<h3 itemprop=\"headline\"><a href=\"https:\/\/www.psib-psoe.org\/menorca\/la-candidatura-de-pepe-mercadal-a-secretari-general-del-psoe-menorca-ha-estat-lunica-que-sha-presentat\/\" title=\"La candidatura de Pepe Mercadal a secretari general del PSOE Menorca ha estat l&#8217;\u00fanica que s&#8217;ha presentat\">La candidatura de Pepe Mercadal a secretari general del PSOE Menorca ha estat l&#8217;\u00fanica que s&#8217;ha presentat<\/a><\/h3>\n\t\t\t<\/header>\n\t\t<\/div>\n\t\t<div class=\"post-content\">\n\t\t\t<a href=\"https:\/\/www.psib-psoe.org\/menorca\/la-candidatura-de-pepe-mercadal-a-secretari-general-del-psoe-menorca-ha-estat-lunica-que-sha-presentat\/\" class=\"more-link\">Read More<\/a>\n\t\t<\/div>\n\t\t\t<aside class=\"post-bottom-meta hide\">\n\t\t<strong rel=\"author\" itemprop=\"author\" class=\"author vcard\"><span class=\"fn\">PSOE Menorca<\/span><\/strong>\n\t\t<time class=\"date published time\" datetime=\"2025-04-03T11:08:56+02:00\" itemprop=\"datePublished\" content=\"2025-04-03T11:08:56+02:00\">03\/04\/2025<\/time>\n\t\t<meta itemprop=\"dateModified\" class=\"date updated\" content=\"2025-04-04T11:11:39+02:00\">\n\t\t<span class=\"hide\" itemprop=\"publisher\" itemscope itemtype=\"https:\/\/schema.org\/Organization\">\n\t\t\t<meta itemprop=\"name\" content=\"Federaci\u00f3 Socialista de Menorca\">\n\t\t\t<span itemprop=\"logo\" itemscope itemtype=\"https:\/\/schema.org\/ImageObject\">\n\t\t\t\t<meta itemprop=\"url\" content=\"https:\/\/www.psib-psoe.org\/menorca\/wp-content\/themes\/notio-wp\/assets\/img\/logo.png\">\n\t\t\t<\/span>\n\t\t\t<meta itemprop=\"url\" content=\"https:\/\/www.psib-psoe.org\/menorca\/\">\n\t\t<\/span>\n\t\t\t\t<span class=\"hide\" itemprop=\"image\" itemscope itemtype=\"http:\/\/schema.org\/ImageObject\">\n\t\t\t<meta itemprop=\"url\" content=\"https:\/\/www.psib-psoe.org\/menorca\/wp-content\/uploads\/DSC01706-scaled.jpg\">\n\t\t\t<meta itemprop=\"width\" content=\"2560\">\n\t\t\t<meta itemprop=\"height\" content=\"1707\">\n\t\t<\/span>\n\t\t\t\t<meta itemscope itemprop=\"mainEntityOfPage\" itemtype=\"https:\/\/schema.org\/WebPage\" itemid=\"https:\/\/www.psib-psoe.org\/menorca\/la-candidatura-de-pepe-mercadal-a-secretari-general-del-psoe-menorca-ha-estat-lunica-que-sha-presentat\/\">\n\t<\/aside>\n\t\t<\/article>\n<\/div>\n<div class=\"small-12 large-4 columns\">\n\t<article itemscope itemtype=\"http:\/\/schema.org\/Article\" class=\"post blog-style7 alt post-26907 type-post status-publish format-standard has-post-thumbnail hentry category-federacio-de-menorca category-federacio-de-menorca-portada category-municipis category-portada\" role=\"article\">\n\t\t<figure class=\"post-gallery\"><img loading=\"lazy\" decoding=\"async\" width=\"600\" height=\"400\" src=\"https:\/\/www.psib-psoe.org\/menorca\/wp-content\/uploads\/HECTOR-I-LLORENC-600x400.jpg\" class=\"attachment-notio-general-x2 size-notio-general-x2 wp-post-image\" alt=\"\" srcset=\"https:\/\/www.psib-psoe.org\/menorca\/wp-content\/uploads\/HECTOR-I-LLORENC-600x400.jpg 600w, https:\/\/www.psib-psoe.org\/menorca\/wp-content\/uploads\/HECTOR-I-LLORENC-300x200.jpg 300w, https:\/\/www.psib-psoe.org\/menorca\/wp-content\/uploads\/HECTOR-I-LLORENC-1024x683.jpg 1024w, https:\/\/www.psib-psoe.org\/menorca\/wp-content\/uploads\/HECTOR-I-LLORENC-768x512.jpg 768w, https:\/\/www.psib-psoe.org\/menorca\/wp-content\/uploads\/HECTOR-I-LLORENC-1536x1024.jpg 1536w, https:\/\/www.psib-psoe.org\/menorca\/wp-content\/uploads\/HECTOR-I-LLORENC-2048x1365.jpg 2048w, https:\/\/www.psib-psoe.org\/menorca\/wp-content\/uploads\/HECTOR-I-LLORENC-150x100.jpg 150w, https:\/\/www.psib-psoe.org\/menorca\/wp-content\/uploads\/HECTOR-I-LLORENC-900x600.jpg 900w, https:\/\/www.psib-psoe.org\/menorca\/wp-content\/uploads\/HECTOR-I-LLORENC-20x13.jpg 20w\" sizes=\"(max-width: 600px) 100vw, 600px\" \/><\/figure>\n\t\t<div class=\"blog-top\">\n\t\t\t<header class=\"post-title entry-header\">\n\t\t\t\t<aside class=\"post-meta cf\">\n\t\t25\/03\/2025 \/ <a href=\"https:\/\/www.psib-psoe.org\/menorca\/category\/federacio-de-menorca\/\" rel=\"category tag\">Federaci\u00f3 de Menorca<\/a>, <a href=\"https:\/\/www.psib-psoe.org\/menorca\/category\/federacio-de-menorca-portada\/\" rel=\"category tag\">Federaci\u00f3 de Menorca - Portada<\/a>, <a href=\"https:\/\/www.psib-psoe.org\/menorca\/category\/municipis\/\" rel=\"category tag\">Municipis<\/a>, <a href=\"https:\/\/www.psib-psoe.org\/menorca\/category\/portada\/\" rel=\"category tag\">Portada<\/a><\/aside>\n\t\t\t\t<h3 itemprop=\"headline\"><a href=\"https:\/\/www.psib-psoe.org\/menorca\/el-psoe-menorca-presentara-mocions-a-tots-els-ajuntaments-per-demanar-que-prohens-declari-menorca-com-a-zona-tensionada\/\" title=\"El PSOE Menorca presentar\u00e0 mocions a tots els ajuntaments per demanar que Prohens declari Menorca com a zona tensionada\">El PSOE Menorca presentar\u00e0 mocions a tots els ajuntaments per demanar que Prohens declari Menorca com a zona tensionada<\/a><\/h3>\n\t\t\t<\/header>\n\t\t<\/div>\n\t\t<div class=\"post-content\">\n\t\t\t<a href=\"https:\/\/www.psib-psoe.org\/menorca\/el-psoe-menorca-presentara-mocions-a-tots-els-ajuntaments-per-demanar-que-prohens-declari-menorca-com-a-zona-tensionada\/\" class=\"more-link\">Read More<\/a>\n\t\t<\/div>\n\t\t\t<aside class=\"post-bottom-meta hide\">\n\t\t<strong rel=\"author\" itemprop=\"author\" class=\"author vcard\"><span class=\"fn\">PSOE Menorca<\/span><\/strong>\n\t\t<time class=\"date published time\" datetime=\"2025-03-25T12:40:32+02:00\" itemprop=\"datePublished\" content=\"2025-03-25T12:40:32+02:00\">25\/03\/2025<\/time>\n\t\t<meta itemprop=\"dateModified\" class=\"date updated\" content=\"2025-03-25T17:08:02+02:00\">\n\t\t<span class=\"hide\" itemprop=\"publisher\" itemscope itemtype=\"https:\/\/schema.org\/Organization\">\n\t\t\t<meta itemprop=\"name\" content=\"Federaci\u00f3 Socialista de Menorca\">\n\t\t\t<span itemprop=\"logo\" itemscope itemtype=\"https:\/\/schema.org\/ImageObject\">\n\t\t\t\t<meta itemprop=\"url\" content=\"https:\/\/www.psib-psoe.org\/menorca\/wp-content\/themes\/notio-wp\/assets\/img\/logo.png\">\n\t\t\t<\/span>\n\t\t\t<meta itemprop=\"url\" content=\"https:\/\/www.psib-psoe.org\/menorca\/\">\n\t\t<\/span>\n\t\t\t\t<span class=\"hide\" itemprop=\"image\" itemscope itemtype=\"http:\/\/schema.org\/ImageObject\">\n\t\t\t<meta itemprop=\"url\" content=\"https:\/\/www.psib-psoe.org\/menorca\/wp-content\/uploads\/HECTOR-I-LLORENC-scaled.jpg\">\n\t\t\t<meta itemprop=\"width\" content=\"2560\">\n\t\t\t<meta itemprop=\"height\" content=\"1707\">\n\t\t<\/span>\n\t\t\t\t<meta itemscope itemprop=\"mainEntityOfPage\" itemtype=\"https:\/\/schema.org\/WebPage\" itemid=\"https:\/\/www.psib-psoe.org\/menorca\/el-psoe-menorca-presentara-mocions-a-tots-els-ajuntaments-per-demanar-que-prohens-declari-menorca-com-a-zona-tensionada\/\">\n\t<\/aside>\n\t\t<\/article>\n<\/div>\n<div class=\"small-12 large-4 columns\">\n\t<article itemscope itemtype=\"http:\/\/schema.org\/Article\" class=\"post blog-style7 alt post-26461 type-post status-publish format-standard has-post-thumbnail hentry category-federacio-de-menorca category-federacio-de-menorca-portada category-municipis category-portada\" role=\"article\">\n\t\t<figure class=\"post-gallery\"><img loading=\"lazy\" decoding=\"async\" width=\"600\" height=\"400\" src=\"https:\/\/www.psib-psoe.org\/menorca\/wp-content\/uploads\/Pons-Torrent-i-Borras-600x400.jpg\" class=\"attachment-notio-general-x2 size-notio-general-x2 wp-post-image\" alt=\"\" srcset=\"https:\/\/www.psib-psoe.org\/menorca\/wp-content\/uploads\/Pons-Torrent-i-Borras-600x400.jpg 600w, https:\/\/www.psib-psoe.org\/menorca\/wp-content\/uploads\/Pons-Torrent-i-Borras-300x200.jpg 300w, https:\/\/www.psib-psoe.org\/menorca\/wp-content\/uploads\/Pons-Torrent-i-Borras-900x600.jpg 900w, https:\/\/www.psib-psoe.org\/menorca\/wp-content\/uploads\/Pons-Torrent-i-Borras-20x13.jpg 20w\" sizes=\"(max-width: 600px) 100vw, 600px\" \/><\/figure>\n\t\t<div class=\"blog-top\">\n\t\t\t<header class=\"post-title entry-header\">\n\t\t\t\t<aside class=\"post-meta cf\">\n\t\t24\/10\/2023 \/ <a href=\"https:\/\/www.psib-psoe.org\/menorca\/category\/federacio-de-menorca\/\" rel=\"category tag\">Federaci\u00f3 de Menorca<\/a>, <a href=\"https:\/\/www.psib-psoe.org\/menorca\/category\/federacio-de-menorca-portada\/\" rel=\"category tag\">Federaci\u00f3 de Menorca - Portada<\/a>, <a href=\"https:\/\/www.psib-psoe.org\/menorca\/category\/municipis\/\" rel=\"category tag\">Municipis<\/a>, <a href=\"https:\/\/www.psib-psoe.org\/menorca\/category\/portada\/\" rel=\"category tag\">Portada<\/a><\/aside>\n\t\t\t\t<h3 itemprop=\"headline\"><a href=\"https:\/\/www.psib-psoe.org\/menorca\/el-psoe-menorca-acusa-el-partit-popular-de-mentir-sobre-el-decret-llei-i-li-demana-que-torni-al-seny\/\" title=\"El PSOE Menorca acusa el Partit Popular de mentir sobre el Decret Llei i li demana que torni al seny\">El PSOE Menorca acusa el Partit Popular de mentir sobre el Decret Llei i li demana que torni al seny<\/a><\/h3>\n\t\t\t<\/header>\n\t\t<\/div>\n\t\t<div class=\"post-content\">\n\t\t\t<a href=\"https:\/\/www.psib-psoe.org\/menorca\/el-psoe-menorca-acusa-el-partit-popular-de-mentir-sobre-el-decret-llei-i-li-demana-que-torni-al-seny\/\" class=\"more-link\">Read More<\/a>\n\t\t<\/div>\n\t\t\t<aside class=\"post-bottom-meta hide\">\n\t\t<strong rel=\"author\" itemprop=\"author\" class=\"author vcard\"><span class=\"fn\">PSOE Menorca<\/span><\/strong>\n\t\t<time class=\"date published time\" datetime=\"2023-10-24T11:24:41+02:00\" itemprop=\"datePublished\" content=\"2023-10-24T11:24:41+02:00\">24\/10\/2023<\/time>\n\t\t<meta itemprop=\"dateModified\" class=\"date updated\" content=\"2023-10-24T11:24:41+02:00\">\n\t\t<span class=\"hide\" itemprop=\"publisher\" itemscope itemtype=\"https:\/\/schema.org\/Organization\">\n\t\t\t<meta itemprop=\"name\" content=\"Federaci\u00f3 Socialista de Menorca\">\n\t\t\t<span itemprop=\"logo\" itemscope itemtype=\"https:\/\/schema.org\/ImageObject\">\n\t\t\t\t<meta itemprop=\"url\" content=\"https:\/\/www.psib-psoe.org\/menorca\/wp-content\/themes\/notio-wp\/assets\/img\/logo.png\">\n\t\t\t<\/span>\n\t\t\t<meta itemprop=\"url\" content=\"https:\/\/www.psib-psoe.org\/menorca\/\">\n\t\t<\/span>\n\t\t\t\t<span class=\"hide\" itemprop=\"image\" itemscope itemtype=\"http:\/\/schema.org\/ImageObject\">\n\t\t\t<meta itemprop=\"url\" content=\"https:\/\/www.psib-psoe.org\/menorca\/wp-content\/uploads\/Pons-Torrent-i-Borras-scaled.jpg\">\n\t\t\t<meta itemprop=\"width\" content=\"2560\">\n\t\t\t<meta itemprop=\"height\" content=\"2032\">\n\t\t<\/span>\n\t\t\t\t<meta itemscope itemprop=\"mainEntityOfPage\" itemtype=\"https:\/\/schema.org\/WebPage\" itemid=\"https:\/\/www.psib-psoe.org\/menorca\/el-psoe-menorca-acusa-el-partit-popular-de-mentir-sobre-el-decret-llei-i-li-demana-que-torni-al-seny\/\">\n\t<\/aside>\n\t\t<\/article>\n<\/div>\n<div class=\"small-12 large-4 columns\">\n\t<article itemscope itemtype=\"http:\/\/schema.org\/Article\" class=\"post blog-style7 alt post-26458 type-post status-publish format-standard has-post-thumbnail hentry category-federacio-de-menorca category-federacio-de-menorca-portada category-municipis category-portada\" role=\"article\">\n\t\t<figure class=\"post-gallery\"><img loading=\"lazy\" decoding=\"async\" width=\"600\" height=\"400\" src=\"https:\/\/www.psib-psoe.org\/menorca\/wp-content\/uploads\/Projecte-Mila-600x400.jpg\" class=\"attachment-notio-general-x2 size-notio-general-x2 wp-post-image\" alt=\"\" srcset=\"https:\/\/www.psib-psoe.org\/menorca\/wp-content\/uploads\/Projecte-Mila-600x400.jpg 600w, https:\/\/www.psib-psoe.org\/menorca\/wp-content\/uploads\/Projecte-Mila-300x200.jpg 300w, https:\/\/www.psib-psoe.org\/menorca\/wp-content\/uploads\/Projecte-Mila-900x600.jpg 900w, https:\/\/www.psib-psoe.org\/menorca\/wp-content\/uploads\/Projecte-Mila-20x13.jpg 20w\" sizes=\"(max-width: 600px) 100vw, 600px\" \/><\/figure>\n\t\t<div class=\"blog-top\">\n\t\t\t<header class=\"post-title entry-header\">\n\t\t\t\t<aside class=\"post-meta cf\">\n\t\t20\/10\/2023 \/ <a href=\"https:\/\/www.psib-psoe.org\/menorca\/category\/federacio-de-menorca\/\" rel=\"category tag\">Federaci\u00f3 de Menorca<\/a>, <a href=\"https:\/\/www.psib-psoe.org\/menorca\/category\/federacio-de-menorca-portada\/\" rel=\"category tag\">Federaci\u00f3 de Menorca - Portada<\/a>, <a href=\"https:\/\/www.psib-psoe.org\/menorca\/category\/municipis\/\" rel=\"category tag\">Municipis<\/a>, <a href=\"https:\/\/www.psib-psoe.org\/menorca\/category\/portada\/\" rel=\"category tag\">Portada<\/a><\/aside>\n\t\t\t\t<h3 itemprop=\"headline\"><a href=\"https:\/\/www.psib-psoe.org\/menorca\/el-psoe-menorca-acusa-el-pp-demprar-excuses-per-haver-deixat-perdre-el-projecte-de-mila-i-critica-que-no-creu-en-la-transicio-energetica-de-menorca\/\" title=\"El PSOE Menorca acusa el PP d&#8217;emprar excuses per haver deixat perdre el projecte de Mil\u00e0 i critica que no creu en la transici\u00f3 energ\u00e8tica de Menorca\">El PSOE Menorca acusa el PP d&#8217;emprar excuses per haver deixat perdre el projecte de Mil\u00e0 i critica que no creu en la transici\u00f3 energ\u00e8tica de Menorca<\/a><\/h3>\n\t\t\t<\/header>\n\t\t<\/div>\n\t\t<div class=\"post-content\">\n\t\t\t<a href=\"https:\/\/www.psib-psoe.org\/menorca\/el-psoe-menorca-acusa-el-pp-demprar-excuses-per-haver-deixat-perdre-el-projecte-de-mila-i-critica-que-no-creu-en-la-transicio-energetica-de-menorca\/\" class=\"more-link\">Read More<\/a>\n\t\t<\/div>\n\t\t\t<aside class=\"post-bottom-meta hide\">\n\t\t<strong rel=\"author\" itemprop=\"author\" class=\"author vcard\"><span class=\"fn\">PSOE Menorca<\/span><\/strong>\n\t\t<time class=\"date published time\" datetime=\"2023-10-20T16:28:19+02:00\" itemprop=\"datePublished\" content=\"2023-10-20T16:28:19+02:00\">20\/10\/2023<\/time>\n\t\t<meta itemprop=\"dateModified\" class=\"date updated\" content=\"2023-10-20T16:28:19+02:00\">\n\t\t<span class=\"hide\" itemprop=\"publisher\" itemscope itemtype=\"https:\/\/schema.org\/Organization\">\n\t\t\t<meta itemprop=\"name\" content=\"Federaci\u00f3 Socialista de Menorca\">\n\t\t\t<span itemprop=\"logo\" itemscope itemtype=\"https:\/\/schema.org\/ImageObject\">\n\t\t\t\t<meta itemprop=\"url\" content=\"https:\/\/www.psib-psoe.org\/menorca\/wp-content\/themes\/notio-wp\/assets\/img\/logo.png\">\n\t\t\t<\/span>\n\t\t\t<meta itemprop=\"url\" content=\"https:\/\/www.psib-psoe.org\/menorca\/\">\n\t\t<\/span>\n\t\t\t\t<span class=\"hide\" itemprop=\"image\" itemscope itemtype=\"http:\/\/schema.org\/ImageObject\">\n\t\t\t<meta itemprop=\"url\" content=\"https:\/\/www.psib-psoe.org\/menorca\/wp-content\/uploads\/Projecte-Mila-scaled.jpg\">\n\t\t\t<meta itemprop=\"width\" content=\"2560\">\n\t\t\t<meta itemprop=\"height\" content=\"1920\">\n\t\t<\/span>\n\t\t\t\t<meta itemscope itemprop=\"mainEntityOfPage\" itemtype=\"https:\/\/schema.org\/WebPage\" itemid=\"https:\/\/www.psib-psoe.org\/menorca\/el-psoe-menorca-acusa-el-pp-demprar-excuses-per-haver-deixat-perdre-el-projecte-de-mila-i-critica-que-no-creu-en-la-transicio-energetica-de-menorca\/\">\n\t<\/aside>\n\t\t<\/article>\n<\/div>\n<div class=\"small-12 large-4 columns\">\n\t<article itemscope itemtype=\"http:\/\/schema.org\/Article\" class=\"post blog-style7 alt post-26456 type-post status-publish format-standard hentry category-federacio-de-menorca category-federacio-de-menorca-portada category-municipis category-portada\" role=\"article\">\n\t\t<figure class=\"post-gallery\"><\/figure>\n\t\t<div class=\"blog-top\">\n\t\t\t<header class=\"post-title entry-header\">\n\t\t\t\t<aside class=\"post-meta cf\">\n\t\t17\/10\/2023 \/ <a href=\"https:\/\/www.psib-psoe.org\/menorca\/category\/federacio-de-menorca\/\" rel=\"category tag\">Federaci\u00f3 de Menorca<\/a>, <a href=\"https:\/\/www.psib-psoe.org\/menorca\/category\/federacio-de-menorca-portada\/\" rel=\"category tag\">Federaci\u00f3 de Menorca - Portada<\/a>, <a href=\"https:\/\/www.psib-psoe.org\/menorca\/category\/municipis\/\" rel=\"category tag\">Municipis<\/a>, <a href=\"https:\/\/www.psib-psoe.org\/menorca\/category\/portada\/\" rel=\"category tag\">Portada<\/a><\/aside>\n\t\t\t\t<h3 itemprop=\"headline\"><a href=\"https:\/\/www.psib-psoe.org\/menorca\/el-psoe-menorca-critica-la-decisio-del-consell-de-substituir-la-fira-del-llibre-en-catala-per-la-dautors-menorquins\/\" title=\"El PSOE Menorca critica la decisi\u00f3 del Consell de substituir la Fira del Llibre en Catal\u00e0 per la d&#8217;autors menorquins\">El PSOE Menorca critica la decisi\u00f3 del Consell de substituir la Fira del Llibre en Catal\u00e0 per la d&#8217;autors menorquins<\/a><\/h3>\n\t\t\t<\/header>\n\t\t<\/div>\n\t\t<div class=\"post-content\">\n\t\t\t<a href=\"https:\/\/www.psib-psoe.org\/menorca\/el-psoe-menorca-critica-la-decisio-del-consell-de-substituir-la-fira-del-llibre-en-catala-per-la-dautors-menorquins\/\" class=\"more-link\">Read More<\/a>\n\t\t<\/div>\n\t\t\t<aside class=\"post-bottom-meta hide\">\n\t\t<strong rel=\"author\" itemprop=\"author\" class=\"author vcard\"><span class=\"fn\">PSOE Menorca<\/span><\/strong>\n\t\t<time class=\"date published time\" datetime=\"2023-10-17T12:03:18+02:00\" itemprop=\"datePublished\" content=\"2023-10-17T12:03:18+02:00\">17\/10\/2023<\/time>\n\t\t<meta itemprop=\"dateModified\" class=\"date updated\" content=\"2023-10-17T12:03:18+02:00\">\n\t\t<span class=\"hide\" itemprop=\"publisher\" itemscope itemtype=\"https:\/\/schema.org\/Organization\">\n\t\t\t<meta itemprop=\"name\" content=\"Federaci\u00f3 Socialista de Menorca\">\n\t\t\t<span itemprop=\"logo\" itemscope itemtype=\"https:\/\/schema.org\/ImageObject\">\n\t\t\t\t<meta itemprop=\"url\" content=\"https:\/\/www.psib-psoe.org\/menorca\/wp-content\/themes\/notio-wp\/assets\/img\/logo.png\">\n\t\t\t<\/span>\n\t\t\t<meta itemprop=\"url\" content=\"https:\/\/www.psib-psoe.org\/menorca\/\">\n\t\t<\/span>\n\t\t\t\t<meta itemscope itemprop=\"mainEntityOfPage\" itemtype=\"https:\/\/schema.org\/WebPage\" itemid=\"https:\/\/www.psib-psoe.org\/menorca\/el-psoe-menorca-critica-la-decisio-del-consell-de-substituir-la-fira-del-llibre-en-catala-per-la-dautors-menorquins\/\">\n\t<\/aside>\n\t\t<\/article>\n<\/div>\n<div class=\"small-12 large-4 columns\">\n\t<article itemscope itemtype=\"http:\/\/schema.org\/Article\" class=\"post blog-style7 alt post-26452 type-post status-publish format-standard has-post-thumbnail hentry category-federacio-de-menorca category-federacio-de-menorca-portada category-municipis category-portada\" role=\"article\">\n\t\t<figure class=\"post-gallery\"><img loading=\"lazy\" decoding=\"async\" width=\"600\" height=\"400\" src=\"https:\/\/www.psib-psoe.org\/menorca\/wp-content\/uploads\/Torrent-i-Carbonero-600x400.jpeg\" class=\"attachment-notio-general-x2 size-notio-general-x2 wp-post-image\" alt=\"\" srcset=\"https:\/\/www.psib-psoe.org\/menorca\/wp-content\/uploads\/Torrent-i-Carbonero-600x400.jpeg 600w, https:\/\/www.psib-psoe.org\/menorca\/wp-content\/uploads\/Torrent-i-Carbonero-300x200.jpeg 300w, https:\/\/www.psib-psoe.org\/menorca\/wp-content\/uploads\/Torrent-i-Carbonero-20x13.jpeg 20w\" sizes=\"(max-width: 600px) 100vw, 600px\" \/><\/figure>\n\t\t<div class=\"blog-top\">\n\t\t\t<header class=\"post-title entry-header\">\n\t\t\t\t<aside class=\"post-meta cf\">\n\t\t13\/10\/2023 \/ <a href=\"https:\/\/www.psib-psoe.org\/menorca\/category\/federacio-de-menorca\/\" rel=\"category tag\">Federaci\u00f3 de Menorca<\/a>, <a href=\"https:\/\/www.psib-psoe.org\/menorca\/category\/federacio-de-menorca-portada\/\" rel=\"category tag\">Federaci\u00f3 de Menorca - Portada<\/a>, <a href=\"https:\/\/www.psib-psoe.org\/menorca\/category\/municipis\/\" rel=\"category tag\">Municipis<\/a>, <a href=\"https:\/\/www.psib-psoe.org\/menorca\/category\/portada\/\" rel=\"category tag\">Portada<\/a><\/aside>\n\t\t\t\t<h3 itemprop=\"headline\"><a href=\"https:\/\/www.psib-psoe.org\/menorca\/el-psoe-menorca-considera-un-desproposit-el-tancament-de-loficina-anticorrupcio-una-falta-respecte-cap-els-ciutadans-i-de-transparencia-cap-a-les-institucions\/\" title=\"El PSOE Menorca considera un desprop\u00f2sit el tancament de l&#8217;Oficina Anticorrupci\u00f3, una falta respecte cap els ciutadans i de transpar\u00e8ncia cap a les institucions\">El PSOE Menorca considera un desprop\u00f2sit el tancament de l&#8217;Oficina Anticorrupci\u00f3, una falta respecte cap els ciutadans i de transpar\u00e8ncia cap a les institucions<\/a><\/h3>\n\t\t\t<\/header>\n\t\t<\/div>\n\t\t<div class=\"post-content\">\n\t\t\t<a href=\"https:\/\/www.psib-psoe.org\/menorca\/el-psoe-menorca-considera-un-desproposit-el-tancament-de-loficina-anticorrupcio-una-falta-respecte-cap-els-ciutadans-i-de-transparencia-cap-a-les-institucions\/\" class=\"more-link\">Read More<\/a>\n\t\t<\/div>\n\t\t\t<aside class=\"post-bottom-meta hide\">\n\t\t<strong rel=\"author\" itemprop=\"author\" class=\"author vcard\"><span class=\"fn\">PSOE Menorca<\/span><\/strong>\n\t\t<time class=\"date published time\" datetime=\"2023-10-13T09:00:08+02:00\" itemprop=\"datePublished\" content=\"2023-10-13T09:00:08+02:00\">13\/10\/2023<\/time>\n\t\t<meta itemprop=\"dateModified\" class=\"date updated\" content=\"2023-10-16T10:27:42+02:00\">\n\t\t<span class=\"hide\" itemprop=\"publisher\" itemscope itemtype=\"https:\/\/schema.org\/Organization\">\n\t\t\t<meta itemprop=\"name\" content=\"Federaci\u00f3 Socialista de Menorca\">\n\t\t\t<span itemprop=\"logo\" itemscope itemtype=\"https:\/\/schema.org\/ImageObject\">\n\t\t\t\t<meta itemprop=\"url\" content=\"https:\/\/www.psib-psoe.org\/menorca\/wp-content\/themes\/notio-wp\/assets\/img\/logo.png\">\n\t\t\t<\/span>\n\t\t\t<meta itemprop=\"url\" content=\"https:\/\/www.psib-psoe.org\/menorca\/\">\n\t\t<\/span>\n\t\t\t\t<span class=\"hide\" itemprop=\"image\" itemscope itemtype=\"http:\/\/schema.org\/ImageObject\">\n\t\t\t<meta itemprop=\"url\" content=\"https:\/\/www.psib-psoe.org\/menorca\/wp-content\/uploads\/Torrent-i-Carbonero.jpeg\">\n\t\t\t<meta itemprop=\"width\" content=\"768\">\n\t\t\t<meta itemprop=\"height\" content=\"1024\">\n\t\t<\/span>\n\t\t\t\t<meta itemscope itemprop=\"mainEntityOfPage\" itemtype=\"https:\/\/schema.org\/WebPage\" itemid=\"https:\/\/www.psib-psoe.org\/menorca\/el-psoe-menorca-considera-un-desproposit-el-tancament-de-loficina-anticorrupcio-una-falta-respecte-cap-els-ciutadans-i-de-transparencia-cap-a-les-institucions\/\">\n\t<\/aside>\n\t\t<\/article>\n<\/div>\n<div class=\"small-12 large-4 columns\">\n\t<article itemscope itemtype=\"http:\/\/schema.org\/Article\" class=\"post blog-style7 alt post-26449 type-post status-publish format-standard has-post-thumbnail hentry category-federacio-de-menorca category-federacio-de-menorca-portada category-municipis category-portada\" role=\"article\">\n\t\t<figure class=\"post-gallery\"><img loading=\"lazy\" decoding=\"async\" width=\"600\" height=\"400\" src=\"https:\/\/www.psib-psoe.org\/menorca\/wp-content\/uploads\/Pepe-Mercadal-al-CIMe-600x400.jpeg\" class=\"attachment-notio-general-x2 size-notio-general-x2 wp-post-image\" alt=\"\" srcset=\"https:\/\/www.psib-psoe.org\/menorca\/wp-content\/uploads\/Pepe-Mercadal-al-CIMe-600x400.jpeg 600w, https:\/\/www.psib-psoe.org\/menorca\/wp-content\/uploads\/Pepe-Mercadal-al-CIMe-300x200.jpeg 300w, https:\/\/www.psib-psoe.org\/menorca\/wp-content\/uploads\/Pepe-Mercadal-al-CIMe-900x600.jpeg 900w, https:\/\/www.psib-psoe.org\/menorca\/wp-content\/uploads\/Pepe-Mercadal-al-CIMe-20x13.jpeg 20w\" sizes=\"(max-width: 600px) 100vw, 600px\" \/><\/figure>\n\t\t<div class=\"blog-top\">\n\t\t\t<header class=\"post-title entry-header\">\n\t\t\t\t<aside class=\"post-meta cf\">\n\t\t10\/10\/2023 \/ <a href=\"https:\/\/www.psib-psoe.org\/menorca\/category\/federacio-de-menorca\/\" rel=\"category tag\">Federaci\u00f3 de Menorca<\/a>, <a href=\"https:\/\/www.psib-psoe.org\/menorca\/category\/federacio-de-menorca-portada\/\" rel=\"category tag\">Federaci\u00f3 de Menorca - Portada<\/a>, <a href=\"https:\/\/www.psib-psoe.org\/menorca\/category\/municipis\/\" rel=\"category tag\">Municipis<\/a>, <a href=\"https:\/\/www.psib-psoe.org\/menorca\/category\/portada\/\" rel=\"category tag\">Portada<\/a><\/aside>\n\t\t\t\t<h3 itemprop=\"headline\"><a href=\"https:\/\/www.psib-psoe.org\/menorca\/pepe-mercadal-ha-traslladat-a-vilafranca-la-voluntat-del-psoe-de-formar-govern-estable-a-espanya-que-tengui-en-compte-els-drets-dels-menorquins\/\" title=\"Pepe Mercadal ha traslladat a Vilafranca la voluntat del PSOE de formar Govern estable a Espanya que tengui en compte els drets dels menorquins\">Pepe Mercadal ha traslladat a Vilafranca la voluntat del PSOE de formar Govern estable a Espanya que tengui en compte els drets dels menorquins<\/a><\/h3>\n\t\t\t<\/header>\n\t\t<\/div>\n\t\t<div class=\"post-content\">\n\t\t\t<a href=\"https:\/\/www.psib-psoe.org\/menorca\/pepe-mercadal-ha-traslladat-a-vilafranca-la-voluntat-del-psoe-de-formar-govern-estable-a-espanya-que-tengui-en-compte-els-drets-dels-menorquins\/\" class=\"more-link\">Read More<\/a>\n\t\t<\/div>\n\t\t\t<aside class=\"post-bottom-meta hide\">\n\t\t<strong rel=\"author\" itemprop=\"author\" class=\"author vcard\"><span class=\"fn\">PSOE Menorca<\/span><\/strong>\n\t\t<time class=\"date published time\" datetime=\"2023-10-10T12:46:52+02:00\" itemprop=\"datePublished\" content=\"2023-10-10T12:46:52+02:00\">10\/10\/2023<\/time>\n\t\t<meta itemprop=\"dateModified\" class=\"date updated\" content=\"2023-10-10T12:46:52+02:00\">\n\t\t<span class=\"hide\" itemprop=\"publisher\" itemscope itemtype=\"https:\/\/schema.org\/Organization\">\n\t\t\t<meta itemprop=\"name\" content=\"Federaci\u00f3 Socialista de Menorca\">\n\t\t\t<span itemprop=\"logo\" itemscope itemtype=\"https:\/\/schema.org\/ImageObject\">\n\t\t\t\t<meta itemprop=\"url\" content=\"https:\/\/www.psib-psoe.org\/menorca\/wp-content\/themes\/notio-wp\/assets\/img\/logo.png\">\n\t\t\t<\/span>\n\t\t\t<meta itemprop=\"url\" content=\"https:\/\/www.psib-psoe.org\/menorca\/\">\n\t\t<\/span>\n\t\t\t\t<span class=\"hide\" itemprop=\"image\" itemscope itemtype=\"http:\/\/schema.org\/ImageObject\">\n\t\t\t<meta itemprop=\"url\" content=\"https:\/\/www.psib-psoe.org\/menorca\/wp-content\/uploads\/Pepe-Mercadal-al-CIMe.jpeg\">\n\t\t\t<meta itemprop=\"width\" content=\"1024\">\n\t\t\t<meta itemprop=\"height\" content=\"768\">\n\t\t<\/span>\n\t\t\t\t<meta itemscope itemprop=\"mainEntityOfPage\" itemtype=\"https:\/\/schema.org\/WebPage\" itemid=\"https:\/\/www.psib-psoe.org\/menorca\/pepe-mercadal-ha-traslladat-a-vilafranca-la-voluntat-del-psoe-de-formar-govern-estable-a-espanya-que-tengui-en-compte-els-drets-dels-menorquins\/\">\n\t<\/aside>\n\t\t<\/article>\n<\/div>\n<div class=\"small-12 large-4 columns\">\n\t<article itemscope itemtype=\"http:\/\/schema.org\/Article\" class=\"post blog-style7 alt post-26447 type-post status-publish format-standard hentry category-federacio-de-menorca category-federacio-de-menorca-portada category-municipis category-portada\" role=\"article\">\n\t\t<figure class=\"post-gallery\"><\/figure>\n\t\t<div class=\"blog-top\">\n\t\t\t<header class=\"post-title entry-header\">\n\t\t\t\t<aside class=\"post-meta cf\">\n\t\t10\/10\/2023 \/ <a href=\"https:\/\/www.psib-psoe.org\/menorca\/category\/federacio-de-menorca\/\" rel=\"category tag\">Federaci\u00f3 de Menorca<\/a>, <a href=\"https:\/\/www.psib-psoe.org\/menorca\/category\/federacio-de-menorca-portada\/\" rel=\"category tag\">Federaci\u00f3 de Menorca - Portada<\/a>, <a href=\"https:\/\/www.psib-psoe.org\/menorca\/category\/municipis\/\" rel=\"category tag\">Municipis<\/a>, <a href=\"https:\/\/www.psib-psoe.org\/menorca\/category\/portada\/\" rel=\"category tag\">Portada<\/a><\/aside>\n\t\t\t\t<h3 itemprop=\"headline\"><a href=\"https:\/\/www.psib-psoe.org\/menorca\/el-psoe-menorca-critica-que-el-consell-insular-prioritzi-el-reforc-de-lautobus-expres-entre-mao-i-ciutadella-i-elimini-una-linia-regular-amb-aturada-a-tots-els-pobles\/\" title=\"El PSOE Menorca critica que el Consell Insular prioritzi el refor\u00e7 de l&#8217;autob\u00fas expr\u00e9s entre Ma\u00f3 i Ciutadella i elimini una l\u00ednia regular amb aturada a tots els pobles\">El PSOE Menorca critica que el Consell Insular prioritzi el refor\u00e7 de l&#8217;autob\u00fas expr\u00e9s entre Ma\u00f3 i Ciutadella i elimini una l\u00ednia regular amb aturada a tots els pobles<\/a><\/h3>\n\t\t\t<\/header>\n\t\t<\/div>\n\t\t<div class=\"post-content\">\n\t\t\t<a href=\"https:\/\/www.psib-psoe.org\/menorca\/el-psoe-menorca-critica-que-el-consell-insular-prioritzi-el-reforc-de-lautobus-expres-entre-mao-i-ciutadella-i-elimini-una-linia-regular-amb-aturada-a-tots-els-pobles\/\" class=\"more-link\">Read More<\/a>\n\t\t<\/div>\n\t\t\t<aside class=\"post-bottom-meta hide\">\n\t\t<strong rel=\"author\" itemprop=\"author\" class=\"author vcard\"><span class=\"fn\">PSOE Menorca<\/span><\/strong>\n\t\t<time class=\"date published time\" datetime=\"2023-10-10T09:39:41+02:00\" itemprop=\"datePublished\" content=\"2023-10-10T09:39:41+02:00\">10\/10\/2023<\/time>\n\t\t<meta itemprop=\"dateModified\" class=\"date updated\" content=\"2023-10-10T09:39:41+02:00\">\n\t\t<span class=\"hide\" itemprop=\"publisher\" itemscope itemtype=\"https:\/\/schema.org\/Organization\">\n\t\t\t<meta itemprop=\"name\" content=\"Federaci\u00f3 Socialista de Menorca\">\n\t\t\t<span itemprop=\"logo\" itemscope itemtype=\"https:\/\/schema.org\/ImageObject\">\n\t\t\t\t<meta itemprop=\"url\" content=\"https:\/\/www.psib-psoe.org\/menorca\/wp-content\/themes\/notio-wp\/assets\/img\/logo.png\">\n\t\t\t<\/span>\n\t\t\t<meta itemprop=\"url\" content=\"https:\/\/www.psib-psoe.org\/menorca\/\">\n\t\t<\/span>\n\t\t\t\t<meta itemscope itemprop=\"mainEntityOfPage\" itemtype=\"https:\/\/schema.org\/WebPage\" itemid=\"https:\/\/www.psib-psoe.org\/menorca\/el-psoe-menorca-critica-que-el-consell-insular-prioritzi-el-reforc-de-lautobus-expres-entre-mao-i-ciutadella-i-elimini-una-linia-regular-amb-aturada-a-tots-els-pobles\/\">\n\t<\/aside>\n\t\t<\/article>\n<\/div>\n<div class=\"small-12 large-4 columns\">\n\t<article itemscope itemtype=\"http:\/\/schema.org\/Article\" class=\"post blog-style7 alt post-26443 type-post status-publish format-standard has-post-thumbnail hentry category-federacio-de-menorca category-federacio-de-menorca-portada category-municipis category-portada\" role=\"article\">\n\t\t<figure class=\"post-gallery\"><img loading=\"lazy\" decoding=\"async\" width=\"600\" height=\"400\" src=\"https:\/\/www.psib-psoe.org\/menorca\/wp-content\/uploads\/Pons-i-Torrent-600x400.jpg\" class=\"attachment-notio-general-x2 size-notio-general-x2 wp-post-image\" alt=\"\" srcset=\"https:\/\/www.psib-psoe.org\/menorca\/wp-content\/uploads\/Pons-i-Torrent-600x400.jpg 600w, https:\/\/www.psib-psoe.org\/menorca\/wp-content\/uploads\/Pons-i-Torrent-300x200.jpg 300w, https:\/\/www.psib-psoe.org\/menorca\/wp-content\/uploads\/Pons-i-Torrent-900x600.jpg 900w, https:\/\/www.psib-psoe.org\/menorca\/wp-content\/uploads\/Pons-i-Torrent-20x13.jpg 20w\" sizes=\"(max-width: 600px) 100vw, 600px\" \/><\/figure>\n\t\t<div class=\"blog-top\">\n\t\t\t<header class=\"post-title entry-header\">\n\t\t\t\t<aside class=\"post-meta cf\">\n\t\t06\/10\/2023 \/ <a href=\"https:\/\/www.psib-psoe.org\/menorca\/category\/federacio-de-menorca\/\" rel=\"category tag\">Federaci\u00f3 de Menorca<\/a>, <a href=\"https:\/\/www.psib-psoe.org\/menorca\/category\/federacio-de-menorca-portada\/\" rel=\"category tag\">Federaci\u00f3 de Menorca - Portada<\/a>, <a href=\"https:\/\/www.psib-psoe.org\/menorca\/category\/municipis\/\" rel=\"category tag\">Municipis<\/a>, <a href=\"https:\/\/www.psib-psoe.org\/menorca\/category\/portada\/\" rel=\"category tag\">Portada<\/a><\/aside>\n\t\t\t\t<h3 itemprop=\"headline\"><a href=\"https:\/\/www.psib-psoe.org\/menorca\/el-psoe-demana-al-pp-que-paralitzi-el-decret-llei-dhabitatge-i-obri-un-proces-de-dialeg-i-acord-amb-els-consells-insulars-i-ajuntaments\/\" title=\"El PSOE demana al PP que paralitzi el Decret Llei d&#8217;habitatge i obri un  proc\u00e9s de di\u00e0leg i acord amb els Consells Insulars i ajuntaments\">El PSOE demana al PP que paralitzi el Decret Llei d&#8217;habitatge i obri un  proc\u00e9s de di\u00e0leg i acord amb els Consells Insulars i ajuntaments<\/a><\/h3>\n\t\t\t<\/header>\n\t\t<\/div>\n\t\t<div class=\"post-content\">\n\t\t\t<a href=\"https:\/\/www.psib-psoe.org\/menorca\/el-psoe-demana-al-pp-que-paralitzi-el-decret-llei-dhabitatge-i-obri-un-proces-de-dialeg-i-acord-amb-els-consells-insulars-i-ajuntaments\/\" class=\"more-link\">Read More<\/a>\n\t\t<\/div>\n\t\t\t<aside class=\"post-bottom-meta hide\">\n\t\t<strong rel=\"author\" itemprop=\"author\" class=\"author vcard\"><span class=\"fn\">PSOE Menorca<\/span><\/strong>\n\t\t<time class=\"date published time\" datetime=\"2023-10-06T16:17:06+02:00\" itemprop=\"datePublished\" content=\"2023-10-06T16:17:06+02:00\">06\/10\/2023<\/time>\n\t\t<meta itemprop=\"dateModified\" class=\"date updated\" content=\"2023-10-06T16:17:06+02:00\">\n\t\t<span class=\"hide\" itemprop=\"publisher\" itemscope itemtype=\"https:\/\/schema.org\/Organization\">\n\t\t\t<meta itemprop=\"name\" content=\"Federaci\u00f3 Socialista de Menorca\">\n\t\t\t<span itemprop=\"logo\" itemscope itemtype=\"https:\/\/schema.org\/ImageObject\">\n\t\t\t\t<meta itemprop=\"url\" content=\"https:\/\/www.psib-psoe.org\/menorca\/wp-content\/themes\/notio-wp\/assets\/img\/logo.png\">\n\t\t\t<\/span>\n\t\t\t<meta itemprop=\"url\" content=\"https:\/\/www.psib-psoe.org\/menorca\/\">\n\t\t<\/span>\n\t\t\t\t<span class=\"hide\" itemprop=\"image\" itemscope itemtype=\"http:\/\/schema.org\/ImageObject\">\n\t\t\t<meta itemprop=\"url\" content=\"https:\/\/www.psib-psoe.org\/menorca\/wp-content\/uploads\/Pons-i-Torrent-scaled.jpg\">\n\t\t\t<meta itemprop=\"width\" content=\"2560\">\n\t\t\t<meta itemprop=\"height\" content=\"2082\">\n\t\t<\/span>\n\t\t\t\t<meta itemscope itemprop=\"mainEntityOfPage\" itemtype=\"https:\/\/schema.org\/WebPage\" itemid=\"https:\/\/www.psib-psoe.org\/menorca\/el-psoe-demana-al-pp-que-paralitzi-el-decret-llei-dhabitatge-i-obri-un-proces-de-dialeg-i-acord-amb-els-consells-insulars-i-ajuntaments\/\">\n\t<\/aside>\n\t\t<\/article>\n<\/div>\n<div class=\"small-12 large-4 columns\">\n\t<article itemscope itemtype=\"http:\/\/schema.org\/Article\" class=\"post blog-style7 alt post-26441 type-post status-publish format-standard hentry category-federacio-de-menorca category-federacio-de-menorca-portada category-municipis category-portada\" role=\"article\">\n\t\t<figure class=\"post-gallery\"><\/figure>\n\t\t<div class=\"blog-top\">\n\t\t\t<header class=\"post-title entry-header\">\n\t\t\t\t<aside class=\"post-meta cf\">\n\t\t02\/10\/2023 \/ <a href=\"https:\/\/www.psib-psoe.org\/menorca\/category\/federacio-de-menorca\/\" rel=\"category tag\">Federaci\u00f3 de Menorca<\/a>, <a href=\"https:\/\/www.psib-psoe.org\/menorca\/category\/federacio-de-menorca-portada\/\" rel=\"category tag\">Federaci\u00f3 de Menorca - Portada<\/a>, <a href=\"https:\/\/www.psib-psoe.org\/menorca\/category\/municipis\/\" rel=\"category tag\">Municipis<\/a>, <a href=\"https:\/\/www.psib-psoe.org\/menorca\/category\/portada\/\" rel=\"category tag\">Portada<\/a><\/aside>\n\t\t\t\t<h3 itemprop=\"headline\"><a href=\"https:\/\/www.psib-psoe.org\/menorca\/el-psoe-menorca-critica-que-adolfo-vilafranca-hagi-estat-designat-pel-govern-com-a-membre-del-consell-dadministracio-dautoritat-portuaria\/\" title=\"El PSOE Menorca critica que Adolfo Vilafranca hagi estat designat pel Govern com a membre del Consell d&#8217;Administraci\u00f3 d&#8217;Autoritat Portu\u00e0ria\">El PSOE Menorca critica que Adolfo Vilafranca hagi estat designat pel Govern com a membre del Consell d&#8217;Administraci\u00f3 d&#8217;Autoritat Portu\u00e0ria<\/a><\/h3>\n\t\t\t<\/header>\n\t\t<\/div>\n\t\t<div class=\"post-content\">\n\t\t\t<a href=\"https:\/\/www.psib-psoe.org\/menorca\/el-psoe-menorca-critica-que-adolfo-vilafranca-hagi-estat-designat-pel-govern-com-a-membre-del-consell-dadministracio-dautoritat-portuaria\/\" class=\"more-link\">Read More<\/a>\n\t\t<\/div>\n\t\t\t<aside class=\"post-bottom-meta hide\">\n\t\t<strong rel=\"author\" itemprop=\"author\" class=\"author vcard\"><span class=\"fn\">PSOE Menorca<\/span><\/strong>\n\t\t<time class=\"date published time\" datetime=\"2023-10-02T12:33:37+02:00\" itemprop=\"datePublished\" content=\"2023-10-02T12:33:37+02:00\">02\/10\/2023<\/time>\n\t\t<meta itemprop=\"dateModified\" class=\"date updated\" content=\"2023-10-02T12:33:37+02:00\">\n\t\t<span class=\"hide\" itemprop=\"publisher\" itemscope itemtype=\"https:\/\/schema.org\/Organization\">\n\t\t\t<meta itemprop=\"name\" content=\"Federaci\u00f3 Socialista de Menorca\">\n\t\t\t<span itemprop=\"logo\" itemscope itemtype=\"https:\/\/schema.org\/ImageObject\">\n\t\t\t\t<meta itemprop=\"url\" content=\"https:\/\/www.psib-psoe.org\/menorca\/wp-content\/themes\/notio-wp\/assets\/img\/logo.png\">\n\t\t\t<\/span>\n\t\t\t<meta itemprop=\"url\" content=\"https:\/\/www.psib-psoe.org\/menorca\/\">\n\t\t<\/span>\n\t\t\t\t<meta itemscope itemprop=\"mainEntityOfPage\" itemtype=\"https:\/\/schema.org\/WebPage\" itemid=\"https:\/\/www.psib-psoe.org\/menorca\/el-psoe-menorca-critica-que-adolfo-vilafranca-hagi-estat-designat-pel-govern-com-a-membre-del-consell-dadministracio-dautoritat-portuaria\/\">\n\t<\/aside>\n\t\t<\/article>\n<\/div>\n<div class=\"small-12 large-4 columns\">\n\t<article itemscope itemtype=\"http:\/\/schema.org\/Article\" class=\"post blog-style7 alt post-26439 type-post status-publish format-standard hentry category-federacio-de-menorca category-federacio-de-menorca-portada category-municipis category-portada\" role=\"article\">\n\t\t<figure class=\"post-gallery\"><\/figure>\n\t\t<div class=\"blog-top\">\n\t\t\t<header class=\"post-title entry-header\">\n\t\t\t\t<aside class=\"post-meta cf\">\n\t\t01\/10\/2023 \/ <a href=\"https:\/\/www.psib-psoe.org\/menorca\/category\/federacio-de-menorca\/\" rel=\"category tag\">Federaci\u00f3 de Menorca<\/a>, <a href=\"https:\/\/www.psib-psoe.org\/menorca\/category\/federacio-de-menorca-portada\/\" rel=\"category tag\">Federaci\u00f3 de Menorca - Portada<\/a>, <a href=\"https:\/\/www.psib-psoe.org\/menorca\/category\/municipis\/\" rel=\"category tag\">Municipis<\/a>, <a href=\"https:\/\/www.psib-psoe.org\/menorca\/category\/portada\/\" rel=\"category tag\">Portada<\/a><\/aside>\n\t\t\t\t<h3 itemprop=\"headline\"><a href=\"https:\/\/www.psib-psoe.org\/menorca\/la-gent-gran-un-valor-per-a-la-nostra-societat-per-barbara-torrent\/\" title=\"&#8220;La gent gran, un valor per a la nostra societat&#8221;, per B\u00e0rbara Torrent\">&#8220;La gent gran, un valor per a la nostra societat&#8221;, per B\u00e0rbara Torrent<\/a><\/h3>\n\t\t\t<\/header>\n\t\t<\/div>\n\t\t<div class=\"post-content\">\n\t\t\t<a href=\"https:\/\/www.psib-psoe.org\/menorca\/la-gent-gran-un-valor-per-a-la-nostra-societat-per-barbara-torrent\/\" class=\"more-link\">Read More<\/a>\n\t\t<\/div>\n\t\t\t<aside class=\"post-bottom-meta hide\">\n\t\t<strong rel=\"author\" itemprop=\"author\" class=\"author vcard\"><span class=\"fn\">PSOE Menorca<\/span><\/strong>\n\t\t<time class=\"date published time\" datetime=\"2023-10-01T12:18:00+02:00\" itemprop=\"datePublished\" content=\"2023-10-01T12:18:00+02:00\">01\/10\/2023<\/time>\n\t\t<meta itemprop=\"dateModified\" class=\"date updated\" content=\"2023-10-02T12:19:45+02:00\">\n\t\t<span class=\"hide\" itemprop=\"publisher\" itemscope itemtype=\"https:\/\/schema.org\/Organization\">\n\t\t\t<meta itemprop=\"name\" content=\"Federaci\u00f3 Socialista de Menorca\">\n\t\t\t<span itemprop=\"logo\" itemscope itemtype=\"https:\/\/schema.org\/ImageObject\">\n\t\t\t\t<meta itemprop=\"url\" content=\"https:\/\/www.psib-psoe.org\/menorca\/wp-content\/themes\/notio-wp\/assets\/img\/logo.png\">\n\t\t\t<\/span>\n\t\t\t<meta itemprop=\"url\" content=\"https:\/\/www.psib-psoe.org\/menorca\/\">\n\t\t<\/span>\n\t\t\t\t<meta itemscope itemprop=\"mainEntityOfPage\" itemtype=\"https:\/\/schema.org\/WebPage\" itemid=\"https:\/\/www.psib-psoe.org\/menorca\/la-gent-gran-un-valor-per-a-la-nostra-societat-per-barbara-torrent\/\">\n\t<\/aside>\n\t\t<\/article>\n<\/div>\n<div class=\"small-12 large-4 columns\">\n\t<article itemscope itemtype=\"http:\/\/schema.org\/Article\" class=\"post blog-style7 alt post-26436 type-post status-publish format-standard has-post-thumbnail hentry category-federacio-de-menorca category-federacio-de-menorca-portada category-municipis category-portada\" role=\"article\">\n\t\t<figure class=\"post-gallery\"><img loading=\"lazy\" decoding=\"async\" width=\"600\" height=\"400\" src=\"https:\/\/www.psib-psoe.org\/menorca\/wp-content\/uploads\/Pons-Torrent-i-Borras-600x400.jpg\" class=\"attachment-notio-general-x2 size-notio-general-x2 wp-post-image\" alt=\"\" srcset=\"https:\/\/www.psib-psoe.org\/menorca\/wp-content\/uploads\/Pons-Torrent-i-Borras-600x400.jpg 600w, https:\/\/www.psib-psoe.org\/menorca\/wp-content\/uploads\/Pons-Torrent-i-Borras-300x200.jpg 300w, https:\/\/www.psib-psoe.org\/menorca\/wp-content\/uploads\/Pons-Torrent-i-Borras-900x600.jpg 900w, https:\/\/www.psib-psoe.org\/menorca\/wp-content\/uploads\/Pons-Torrent-i-Borras-20x13.jpg 20w\" sizes=\"(max-width: 600px) 100vw, 600px\" \/><\/figure>\n\t\t<div class=\"blog-top\">\n\t\t\t<header class=\"post-title entry-header\">\n\t\t\t\t<aside class=\"post-meta cf\">\n\t\t29\/09\/2023 \/ <a href=\"https:\/\/www.psib-psoe.org\/menorca\/category\/federacio-de-menorca\/\" rel=\"category tag\">Federaci\u00f3 de Menorca<\/a>, <a href=\"https:\/\/www.psib-psoe.org\/menorca\/category\/federacio-de-menorca-portada\/\" rel=\"category tag\">Federaci\u00f3 de Menorca - Portada<\/a>, <a href=\"https:\/\/www.psib-psoe.org\/menorca\/category\/municipis\/\" rel=\"category tag\">Municipis<\/a>, <a href=\"https:\/\/www.psib-psoe.org\/menorca\/category\/portada\/\" rel=\"category tag\">Portada<\/a><\/aside>\n\t\t\t\t<h3 itemprop=\"headline\"><a href=\"https:\/\/www.psib-psoe.org\/menorca\/el-psoe-menorca-rebutja-la-proposta-de-vox-de-crear-loficina-dimposicio-linguistica\/\" title=\"El PSOE Menorca rebutja la proposta de Vox de crear &#8220;l&#8217;oficina d&#8217;imposici\u00f3 ling\u00fc\u00edstica&#8221;\">El PSOE Menorca rebutja la proposta de Vox de crear &#8220;l&#8217;oficina d&#8217;imposici\u00f3 ling\u00fc\u00edstica&#8221;<\/a><\/h3>\n\t\t\t<\/header>\n\t\t<\/div>\n\t\t<div class=\"post-content\">\n\t\t\t<a href=\"https:\/\/www.psib-psoe.org\/menorca\/el-psoe-menorca-rebutja-la-proposta-de-vox-de-crear-loficina-dimposicio-linguistica\/\" class=\"more-link\">Read More<\/a>\n\t\t<\/div>\n\t\t\t<aside class=\"post-bottom-meta hide\">\n\t\t<strong rel=\"author\" itemprop=\"author\" class=\"author vcard\"><span class=\"fn\">PSOE Menorca<\/span><\/strong>\n\t\t<time class=\"date published time\" datetime=\"2023-09-29T12:24:09+02:00\" itemprop=\"datePublished\" content=\"2023-09-29T12:24:09+02:00\">29\/09\/2023<\/time>\n\t\t<meta itemprop=\"dateModified\" class=\"date updated\" content=\"2023-09-29T12:24:09+02:00\">\n\t\t<span class=\"hide\" itemprop=\"publisher\" itemscope itemtype=\"https:\/\/schema.org\/Organization\">\n\t\t\t<meta itemprop=\"name\" content=\"Federaci\u00f3 Socialista de Menorca\">\n\t\t\t<span itemprop=\"logo\" itemscope itemtype=\"https:\/\/schema.org\/ImageObject\">\n\t\t\t\t<meta itemprop=\"url\" content=\"https:\/\/www.psib-psoe.org\/menorca\/wp-content\/themes\/notio-wp\/assets\/img\/logo.png\">\n\t\t\t<\/span>\n\t\t\t<meta itemprop=\"url\" content=\"https:\/\/www.psib-psoe.org\/menorca\/\">\n\t\t<\/span>\n\t\t\t\t<span class=\"hide\" itemprop=\"image\" itemscope itemtype=\"http:\/\/schema.org\/ImageObject\">\n\t\t\t<meta itemprop=\"url\" content=\"https:\/\/www.psib-psoe.org\/menorca\/wp-content\/uploads\/Pons-Torrent-i-Borras-scaled.jpg\">\n\t\t\t<meta itemprop=\"width\" content=\"2560\">\n\t\t\t<meta itemprop=\"height\" content=\"2032\">\n\t\t<\/span>\n\t\t\t\t<meta itemscope itemprop=\"mainEntityOfPage\" itemtype=\"https:\/\/schema.org\/WebPage\" itemid=\"https:\/\/www.psib-psoe.org\/menorca\/el-psoe-menorca-rebutja-la-proposta-de-vox-de-crear-loficina-dimposicio-linguistica\/\">\n\t<\/aside>\n\t\t<\/article>\n<\/div>\n<div class=\"small-12 large-4 columns\">\n\t<article itemscope itemtype=\"http:\/\/schema.org\/Article\" class=\"post blog-style7 alt post-26432 type-post status-publish format-standard has-post-thumbnail hentry category-federacio-de-menorca category-federacio-de-menorca-portada category-municipis category-portada\" role=\"article\">\n\t\t<figure class=\"post-gallery\"><img loading=\"lazy\" decoding=\"async\" width=\"600\" height=\"400\" src=\"https:\/\/www.psib-psoe.org\/menorca\/wp-content\/uploads\/Pepe-Mercadal-al-Congres-1-600x400.jpeg\" class=\"attachment-notio-general-x2 size-notio-general-x2 wp-post-image\" alt=\"\" srcset=\"https:\/\/www.psib-psoe.org\/menorca\/wp-content\/uploads\/Pepe-Mercadal-al-Congres-1-600x400.jpeg 600w, https:\/\/www.psib-psoe.org\/menorca\/wp-content\/uploads\/Pepe-Mercadal-al-Congres-1-300x200.jpeg 300w, https:\/\/www.psib-psoe.org\/menorca\/wp-content\/uploads\/Pepe-Mercadal-al-Congres-1-1024x682.jpeg 1024w, https:\/\/www.psib-psoe.org\/menorca\/wp-content\/uploads\/Pepe-Mercadal-al-Congres-1-768x512.jpeg 768w, https:\/\/www.psib-psoe.org\/menorca\/wp-content\/uploads\/Pepe-Mercadal-al-Congres-1-1536x1023.jpeg 1536w, https:\/\/www.psib-psoe.org\/menorca\/wp-content\/uploads\/Pepe-Mercadal-al-Congres-1-150x100.jpeg 150w, https:\/\/www.psib-psoe.org\/menorca\/wp-content\/uploads\/Pepe-Mercadal-al-Congres-1-900x600.jpeg 900w, https:\/\/www.psib-psoe.org\/menorca\/wp-content\/uploads\/Pepe-Mercadal-al-Congres-1-20x13.jpeg 20w, https:\/\/www.psib-psoe.org\/menorca\/wp-content\/uploads\/Pepe-Mercadal-al-Congres-1.jpeg 1600w\" sizes=\"(max-width: 600px) 100vw, 600px\" \/><\/figure>\n\t\t<div class=\"blog-top\">\n\t\t\t<header class=\"post-title entry-header\">\n\t\t\t\t<aside class=\"post-meta cf\">\n\t\t26\/09\/2023 \/ <a href=\"https:\/\/www.psib-psoe.org\/menorca\/category\/federacio-de-menorca\/\" rel=\"category tag\">Federaci\u00f3 de Menorca<\/a>, <a href=\"https:\/\/www.psib-psoe.org\/menorca\/category\/federacio-de-menorca-portada\/\" rel=\"category tag\">Federaci\u00f3 de Menorca - Portada<\/a>, <a href=\"https:\/\/www.psib-psoe.org\/menorca\/category\/municipis\/\" rel=\"category tag\">Municipis<\/a>, <a href=\"https:\/\/www.psib-psoe.org\/menorca\/category\/portada\/\" rel=\"category tag\">Portada<\/a><\/aside>\n\t\t\t\t<h3 itemprop=\"headline\"><a href=\"https:\/\/www.psib-psoe.org\/menorca\/un-congres-que-sassembla-mes-a-espanya-per-pepe-mercadal\/\" title=\"&#8220;Un Congr\u00e9s que s\u2019assembla m\u00e9s a Espanya&#8221;, per Pepe Mercadal\">&#8220;Un Congr\u00e9s que s\u2019assembla m\u00e9s a Espanya&#8221;, per Pepe Mercadal<\/a><\/h3>\n\t\t\t<\/header>\n\t\t<\/div>\n\t\t<div class=\"post-content\">\n\t\t\t<a href=\"https:\/\/www.psib-psoe.org\/menorca\/un-congres-que-sassembla-mes-a-espanya-per-pepe-mercadal\/\" class=\"more-link\">Read More<\/a>\n\t\t<\/div>\n\t\t\t<aside class=\"post-bottom-meta hide\">\n\t\t<strong rel=\"author\" itemprop=\"author\" class=\"author vcard\"><span class=\"fn\">PSOE Menorca<\/span><\/strong>\n\t\t<time class=\"date published time\" datetime=\"2023-09-26T16:27:44+02:00\" itemprop=\"datePublished\" content=\"2023-09-26T16:27:44+02:00\">26\/09\/2023<\/time>\n\t\t<meta itemprop=\"dateModified\" class=\"date updated\" content=\"2023-09-26T16:27:44+02:00\">\n\t\t<span class=\"hide\" itemprop=\"publisher\" itemscope itemtype=\"https:\/\/schema.org\/Organization\">\n\t\t\t<meta itemprop=\"name\" content=\"Federaci\u00f3 Socialista de Menorca\">\n\t\t\t<span itemprop=\"logo\" itemscope itemtype=\"https:\/\/schema.org\/ImageObject\">\n\t\t\t\t<meta itemprop=\"url\" content=\"https:\/\/www.psib-psoe.org\/menorca\/wp-content\/themes\/notio-wp\/assets\/img\/logo.png\">\n\t\t\t<\/span>\n\t\t\t<meta itemprop=\"url\" content=\"https:\/\/www.psib-psoe.org\/menorca\/\">\n\t\t<\/span>\n\t\t\t\t<span class=\"hide\" itemprop=\"image\" itemscope itemtype=\"http:\/\/schema.org\/ImageObject\">\n\t\t\t<meta itemprop=\"url\" content=\"https:\/\/www.psib-psoe.org\/menorca\/wp-content\/uploads\/Pepe-Mercadal-al-Congres-1.jpeg\">\n\t\t\t<meta itemprop=\"width\" content=\"1600\">\n\t\t\t<meta itemprop=\"height\" content=\"1066\">\n\t\t<\/span>\n\t\t\t\t<meta itemscope itemprop=\"mainEntityOfPage\" itemtype=\"https:\/\/schema.org\/WebPage\" itemid=\"https:\/\/www.psib-psoe.org\/menorca\/un-congres-que-sassembla-mes-a-espanya-per-pepe-mercadal\/\">\n\t<\/aside>\n\t\t<\/article>\n<\/div>\n<div class=\"small-12 large-4 columns\">\n\t<article itemscope itemtype=\"http:\/\/schema.org\/Article\" class=\"post blog-style7 alt post-26426 type-post status-publish format-standard has-post-thumbnail hentry category-federacio-de-menorca category-federacio-de-menorca-portada category-municipis category-portada\" role=\"article\">\n\t\t<figure class=\"post-gallery\"><img loading=\"lazy\" decoding=\"async\" width=\"600\" height=\"400\" src=\"https:\/\/www.psib-psoe.org\/menorca\/wp-content\/uploads\/Marques-i-Robsy-1-600x400.jpg\" class=\"attachment-notio-general-x2 size-notio-general-x2 wp-post-image\" alt=\"\" srcset=\"https:\/\/www.psib-psoe.org\/menorca\/wp-content\/uploads\/Marques-i-Robsy-1-600x400.jpg 600w, https:\/\/www.psib-psoe.org\/menorca\/wp-content\/uploads\/Marques-i-Robsy-1-300x200.jpg 300w, https:\/\/www.psib-psoe.org\/menorca\/wp-content\/uploads\/Marques-i-Robsy-1-900x600.jpg 900w, https:\/\/www.psib-psoe.org\/menorca\/wp-content\/uploads\/Marques-i-Robsy-1-20x13.jpg 20w\" sizes=\"(max-width: 600px) 100vw, 600px\" \/><\/figure>\n\t\t<div class=\"blog-top\">\n\t\t\t<header class=\"post-title entry-header\">\n\t\t\t\t<aside class=\"post-meta cf\">\n\t\t22\/09\/2023 \/ <a href=\"https:\/\/www.psib-psoe.org\/menorca\/category\/federacio-de-menorca\/\" rel=\"category tag\">Federaci\u00f3 de Menorca<\/a>, <a href=\"https:\/\/www.psib-psoe.org\/menorca\/category\/federacio-de-menorca-portada\/\" rel=\"category tag\">Federaci\u00f3 de Menorca - Portada<\/a>, <a href=\"https:\/\/www.psib-psoe.org\/menorca\/category\/municipis\/\" rel=\"category tag\">Municipis<\/a>, <a href=\"https:\/\/www.psib-psoe.org\/menorca\/category\/portada\/\" rel=\"category tag\">Portada<\/a><\/aside>\n\t\t\t\t<h3 itemprop=\"headline\"><a href=\"https:\/\/www.psib-psoe.org\/menorca\/el-psoe-menorca-demana-a-govern-i-consell-que-exerceixin-el-dret-de-compra-dels-dos-blocs-de-pisos-de-mao-que-han-sortit-a-subhasta\/\" title=\"El PSOE Menorca demana a Govern i Consell que exerceixin el dret de compra dels dos blocs de pisos de Ma\u00f3 que han sortit a subhasta\">El PSOE Menorca demana a Govern i Consell que exerceixin el dret de compra dels dos blocs de pisos de Ma\u00f3 que han sortit a subhasta<\/a><\/h3>\n\t\t\t<\/header>\n\t\t<\/div>\n\t\t<div class=\"post-content\">\n\t\t\t<a href=\"https:\/\/www.psib-psoe.org\/menorca\/el-psoe-menorca-demana-a-govern-i-consell-que-exerceixin-el-dret-de-compra-dels-dos-blocs-de-pisos-de-mao-que-han-sortit-a-subhasta\/\" class=\"more-link\">Read More<\/a>\n\t\t<\/div>\n\t\t\t<aside class=\"post-bottom-meta hide\">\n\t\t<strong rel=\"author\" itemprop=\"author\" class=\"author vcard\"><span class=\"fn\">PSOE Menorca<\/span><\/strong>\n\t\t<time class=\"date published time\" datetime=\"2023-09-22T12:53:16+02:00\" itemprop=\"datePublished\" content=\"2023-09-22T12:53:16+02:00\">22\/09\/2023<\/time>\n\t\t<meta itemprop=\"dateModified\" class=\"date updated\" content=\"2023-09-22T12:56:27+02:00\">\n\t\t<span class=\"hide\" itemprop=\"publisher\" itemscope itemtype=\"https:\/\/schema.org\/Organization\">\n\t\t\t<meta itemprop=\"name\" content=\"Federaci\u00f3 Socialista de Menorca\">\n\t\t\t<span itemprop=\"logo\" itemscope itemtype=\"https:\/\/schema.org\/ImageObject\">\n\t\t\t\t<meta itemprop=\"url\" content=\"https:\/\/www.psib-psoe.org\/menorca\/wp-content\/themes\/notio-wp\/assets\/img\/logo.png\">\n\t\t\t<\/span>\n\t\t\t<meta itemprop=\"url\" content=\"https:\/\/www.psib-psoe.org\/menorca\/\">\n\t\t<\/span>\n\t\t\t\t<span class=\"hide\" itemprop=\"image\" itemscope itemtype=\"http:\/\/schema.org\/ImageObject\">\n\t\t\t<meta itemprop=\"url\" content=\"https:\/\/www.psib-psoe.org\/menorca\/wp-content\/uploads\/Marques-i-Robsy-1-scaled.jpg\">\n\t\t\t<meta itemprop=\"width\" content=\"2560\">\n\t\t\t<meta itemprop=\"height\" content=\"1920\">\n\t\t<\/span>\n\t\t\t\t<meta itemscope itemprop=\"mainEntityOfPage\" itemtype=\"https:\/\/schema.org\/WebPage\" itemid=\"https:\/\/www.psib-psoe.org\/menorca\/el-psoe-menorca-demana-a-govern-i-consell-que-exerceixin-el-dret-de-compra-dels-dos-blocs-de-pisos-de-mao-que-han-sortit-a-subhasta\/\">\n\t<\/aside>\n\t\t<\/article>\n<\/div>\n<div class=\"small-12 large-4 columns\">\n\t<article itemscope itemtype=\"http:\/\/schema.org\/Article\" class=\"post blog-style7 alt post-26423 type-post status-publish format-standard has-post-thumbnail hentry category-federacio-de-menorca category-federacio-de-menorca-portada category-municipis category-portada\" role=\"article\">\n\t\t<figure class=\"post-gallery\"><img loading=\"lazy\" decoding=\"async\" width=\"320\" height=\"240\" src=\"https:\/\/www.psib-psoe.org\/menorca\/wp-content\/uploads\/Barbara-i-Iago-Petita.jpeg\" class=\"attachment-notio-general-x2 size-notio-general-x2 wp-post-image\" alt=\"\" srcset=\"https:\/\/www.psib-psoe.org\/menorca\/wp-content\/uploads\/Barbara-i-Iago-Petita.jpeg 320w, https:\/\/www.psib-psoe.org\/menorca\/wp-content\/uploads\/Barbara-i-Iago-Petita-300x225.jpeg 300w, https:\/\/www.psib-psoe.org\/menorca\/wp-content\/uploads\/Barbara-i-Iago-Petita-150x113.jpeg 150w, https:\/\/www.psib-psoe.org\/menorca\/wp-content\/uploads\/Barbara-i-Iago-Petita-20x16.jpeg 20w\" sizes=\"(max-width: 320px) 100vw, 320px\" \/><\/figure>\n\t\t<div class=\"blog-top\">\n\t\t\t<header class=\"post-title entry-header\">\n\t\t\t\t<aside class=\"post-meta cf\">\n\t\t21\/09\/2023 \/ <a href=\"https:\/\/www.psib-psoe.org\/menorca\/category\/federacio-de-menorca\/\" rel=\"category tag\">Federaci\u00f3 de Menorca<\/a>, <a href=\"https:\/\/www.psib-psoe.org\/menorca\/category\/federacio-de-menorca-portada\/\" rel=\"category tag\">Federaci\u00f3 de Menorca - Portada<\/a>, <a href=\"https:\/\/www.psib-psoe.org\/menorca\/category\/municipis\/\" rel=\"category tag\">Municipis<\/a>, <a href=\"https:\/\/www.psib-psoe.org\/menorca\/category\/portada\/\" rel=\"category tag\">Portada<\/a><\/aside>\n\t\t\t\t<h3 itemprop=\"headline\"><a href=\"https:\/\/www.psib-psoe.org\/menorca\/el-psoe-menorca-reforca-la-coordinacio-a-tots-els-nivells-per-protegir-els-interessos-de-lilla\/\" title=\"El PSOE Menorca refor\u00e7a la coordinaci\u00f3 a tots els nivells per protegir els interessos de l&#8217;illa\">El PSOE Menorca refor\u00e7a la coordinaci\u00f3 a tots els nivells per protegir els interessos de l&#8217;illa<\/a><\/h3>\n\t\t\t<\/header>\n\t\t<\/div>\n\t\t<div class=\"post-content\">\n\t\t\t<a href=\"https:\/\/www.psib-psoe.org\/menorca\/el-psoe-menorca-reforca-la-coordinacio-a-tots-els-nivells-per-protegir-els-interessos-de-lilla\/\" class=\"more-link\">Read More<\/a>\n\t\t<\/div>\n\t\t\t<aside class=\"post-bottom-meta hide\">\n\t\t<strong rel=\"author\" itemprop=\"author\" class=\"author vcard\"><span class=\"fn\">PSOE Menorca<\/span><\/strong>\n\t\t<time class=\"date published time\" datetime=\"2023-09-21T18:10:55+02:00\" itemprop=\"datePublished\" content=\"2023-09-21T18:10:55+02:00\">21\/09\/2023<\/time>\n\t\t<meta itemprop=\"dateModified\" class=\"date updated\" content=\"2023-09-21T18:10:55+02:00\">\n\t\t<span class=\"hide\" itemprop=\"publisher\" itemscope itemtype=\"https:\/\/schema.org\/Organization\">\n\t\t\t<meta itemprop=\"name\" content=\"Federaci\u00f3 Socialista de Menorca\">\n\t\t\t<span itemprop=\"logo\" itemscope itemtype=\"https:\/\/schema.org\/ImageObject\">\n\t\t\t\t<meta itemprop=\"url\" content=\"https:\/\/www.psib-psoe.org\/menorca\/wp-content\/themes\/notio-wp\/assets\/img\/logo.png\">\n\t\t\t<\/span>\n\t\t\t<meta itemprop=\"url\" content=\"https:\/\/www.psib-psoe.org\/menorca\/\">\n\t\t<\/span>\n\t\t\t\t<span class=\"hide\" itemprop=\"image\" itemscope itemtype=\"http:\/\/schema.org\/ImageObject\">\n\t\t\t<meta itemprop=\"url\" content=\"https:\/\/www.psib-psoe.org\/menorca\/wp-content\/uploads\/Barbara-i-Iago-Petita.jpeg\">\n\t\t\t<meta itemprop=\"width\" content=\"320\">\n\t\t\t<meta itemprop=\"height\" content=\"240\">\n\t\t<\/span>\n\t\t\t\t<meta itemscope itemprop=\"mainEntityOfPage\" itemtype=\"https:\/\/schema.org\/WebPage\" itemid=\"https:\/\/www.psib-psoe.org\/menorca\/el-psoe-menorca-reforca-la-coordinacio-a-tots-els-nivells-per-protegir-els-interessos-de-lilla\/\">\n\t<\/aside>\n\t\t<\/article>\n<\/div>\n<div class=\"small-12 large-4 columns\">\n\t<article itemscope itemtype=\"http:\/\/schema.org\/Article\" class=\"post blog-style7 alt post-26419 type-post status-publish format-standard has-post-thumbnail hentry category-federacio-de-menorca category-federacio-de-menorca-portada category-municipis category-portada\" role=\"article\">\n\t\t<figure class=\"post-gallery\"><img loading=\"lazy\" decoding=\"async\" width=\"600\" height=\"400\" src=\"https:\/\/www.psib-psoe.org\/menorca\/wp-content\/uploads\/Pepe-Mercadal-al-Congres-600x400.jpeg\" class=\"attachment-notio-general-x2 size-notio-general-x2 wp-post-image\" alt=\"\" srcset=\"https:\/\/www.psib-psoe.org\/menorca\/wp-content\/uploads\/Pepe-Mercadal-al-Congres-600x400.jpeg 600w, https:\/\/www.psib-psoe.org\/menorca\/wp-content\/uploads\/Pepe-Mercadal-al-Congres-300x200.jpeg 300w, https:\/\/www.psib-psoe.org\/menorca\/wp-content\/uploads\/Pepe-Mercadal-al-Congres-1024x682.jpeg 1024w, https:\/\/www.psib-psoe.org\/menorca\/wp-content\/uploads\/Pepe-Mercadal-al-Congres-768x512.jpeg 768w, https:\/\/www.psib-psoe.org\/menorca\/wp-content\/uploads\/Pepe-Mercadal-al-Congres-1536x1023.jpeg 1536w, https:\/\/www.psib-psoe.org\/menorca\/wp-content\/uploads\/Pepe-Mercadal-al-Congres-150x100.jpeg 150w, https:\/\/www.psib-psoe.org\/menorca\/wp-content\/uploads\/Pepe-Mercadal-al-Congres-900x600.jpeg 900w, https:\/\/www.psib-psoe.org\/menorca\/wp-content\/uploads\/Pepe-Mercadal-al-Congres-20x13.jpeg 20w, https:\/\/www.psib-psoe.org\/menorca\/wp-content\/uploads\/Pepe-Mercadal-al-Congres.jpeg 1600w\" sizes=\"(max-width: 600px) 100vw, 600px\" \/><\/figure>\n\t\t<div class=\"blog-top\">\n\t\t\t<header class=\"post-title entry-header\">\n\t\t\t\t<aside class=\"post-meta cf\">\n\t\t21\/09\/2023 \/ <a href=\"https:\/\/www.psib-psoe.org\/menorca\/category\/federacio-de-menorca\/\" rel=\"category tag\">Federaci\u00f3 de Menorca<\/a>, <a href=\"https:\/\/www.psib-psoe.org\/menorca\/category\/federacio-de-menorca-portada\/\" rel=\"category tag\">Federaci\u00f3 de Menorca - Portada<\/a>, <a href=\"https:\/\/www.psib-psoe.org\/menorca\/category\/municipis\/\" rel=\"category tag\">Municipis<\/a>, <a href=\"https:\/\/www.psib-psoe.org\/menorca\/category\/portada\/\" rel=\"category tag\">Portada<\/a><\/aside>\n\t\t\t\t<h3 itemprop=\"headline\"><a href=\"https:\/\/www.psib-psoe.org\/menorca\/el-psoe-menorca-celebra-que-el-congres-hagi-aprovat-la-modificacio-del-reglament-perque-els-diputats-puguin-expressar-se-en-les-llengues-cooficials\/\" title=\"El PSOE Menorca celebra que el Congr\u00e9s hagi aprovat la modificaci\u00f3 del Reglament perqu\u00e8 els diputats puguin expressar-se en les lleng\u00fces cooficials\">El PSOE Menorca celebra que el Congr\u00e9s hagi aprovat la modificaci\u00f3 del Reglament perqu\u00e8 els diputats puguin expressar-se en les lleng\u00fces cooficials<\/a><\/h3>\n\t\t\t<\/header>\n\t\t<\/div>\n\t\t<div class=\"post-content\">\n\t\t\t<a href=\"https:\/\/www.psib-psoe.org\/menorca\/el-psoe-menorca-celebra-que-el-congres-hagi-aprovat-la-modificacio-del-reglament-perque-els-diputats-puguin-expressar-se-en-les-llengues-cooficials\/\" class=\"more-link\">Read More<\/a>\n\t\t<\/div>\n\t\t\t<aside class=\"post-bottom-meta hide\">\n\t\t<strong rel=\"author\" itemprop=\"author\" class=\"author vcard\"><span class=\"fn\">PSOE Menorca<\/span><\/strong>\n\t\t<time class=\"date published time\" datetime=\"2023-09-21T09:29:16+02:00\" itemprop=\"datePublished\" content=\"2023-09-21T09:29:16+02:00\">21\/09\/2023<\/time>\n\t\t<meta itemprop=\"dateModified\" class=\"date updated\" content=\"2023-09-21T09:29:16+02:00\">\n\t\t<span class=\"hide\" itemprop=\"publisher\" itemscope itemtype=\"https:\/\/schema.org\/Organization\">\n\t\t\t<meta itemprop=\"name\" content=\"Federaci\u00f3 Socialista de Menorca\">\n\t\t\t<span itemprop=\"logo\" itemscope itemtype=\"https:\/\/schema.org\/ImageObject\">\n\t\t\t\t<meta itemprop=\"url\" content=\"https:\/\/www.psib-psoe.org\/menorca\/wp-content\/themes\/notio-wp\/assets\/img\/logo.png\">\n\t\t\t<\/span>\n\t\t\t<meta itemprop=\"url\" content=\"https:\/\/www.psib-psoe.org\/menorca\/\">\n\t\t<\/span>\n\t\t\t\t<span class=\"hide\" itemprop=\"image\" itemscope itemtype=\"http:\/\/schema.org\/ImageObject\">\n\t\t\t<meta itemprop=\"url\" content=\"https:\/\/www.psib-psoe.org\/menorca\/wp-content\/uploads\/Pepe-Mercadal-al-Congres.jpeg\">\n\t\t\t<meta itemprop=\"width\" content=\"1600\">\n\t\t\t<meta itemprop=\"height\" content=\"1066\">\n\t\t<\/span>\n\t\t\t\t<meta itemscope itemprop=\"mainEntityOfPage\" itemtype=\"https:\/\/schema.org\/WebPage\" itemid=\"https:\/\/www.psib-psoe.org\/menorca\/el-psoe-menorca-celebra-que-el-congres-hagi-aprovat-la-modificacio-del-reglament-perque-els-diputats-puguin-expressar-se-en-les-llengues-cooficials\/\">\n\t<\/aside>\n\t\t<\/article>\n<\/div>\n<div class=\"small-12 large-4 columns\">\n\t<article itemscope itemtype=\"http:\/\/schema.org\/Article\" class=\"post blog-style7 alt post-26417 type-post status-publish format-standard hentry category-federacio-de-menorca category-federacio-de-menorca-portada category-municipis category-portada\" role=\"article\">\n\t\t<figure class=\"post-gallery\"><\/figure>\n\t\t<div class=\"blog-top\">\n\t\t\t<header class=\"post-title entry-header\">\n\t\t\t\t<aside class=\"post-meta cf\">\n\t\t18\/09\/2023 \/ <a href=\"https:\/\/www.psib-psoe.org\/menorca\/category\/federacio-de-menorca\/\" rel=\"category tag\">Federaci\u00f3 de Menorca<\/a>, <a href=\"https:\/\/www.psib-psoe.org\/menorca\/category\/federacio-de-menorca-portada\/\" rel=\"category tag\">Federaci\u00f3 de Menorca - Portada<\/a>, <a href=\"https:\/\/www.psib-psoe.org\/menorca\/category\/municipis\/\" rel=\"category tag\">Municipis<\/a>, <a href=\"https:\/\/www.psib-psoe.org\/menorca\/category\/portada\/\" rel=\"category tag\">Portada<\/a><\/aside>\n\t\t\t\t<h3 itemprop=\"headline\"><a href=\"https:\/\/www.psib-psoe.org\/menorca\/menorca-talaiotica-declarada-patrimoni-mundial-de-la-unesco-per-susana-mora\/\" title=\"&#8220;Menorca Talai\u00f2tica, declarada Patrimoni Mundial de la UNESCO&#8221;, per Susana Mora\">&#8220;Menorca Talai\u00f2tica, declarada Patrimoni Mundial de la UNESCO&#8221;, per Susana Mora<\/a><\/h3>\n\t\t\t<\/header>\n\t\t<\/div>\n\t\t<div class=\"post-content\">\n\t\t\t<a href=\"https:\/\/www.psib-psoe.org\/menorca\/menorca-talaiotica-declarada-patrimoni-mundial-de-la-unesco-per-susana-mora\/\" class=\"more-link\">Read More<\/a>\n\t\t<\/div>\n\t\t\t<aside class=\"post-bottom-meta hide\">\n\t\t<strong rel=\"author\" itemprop=\"author\" class=\"author vcard\"><span class=\"fn\">PSOE Menorca<\/span><\/strong>\n\t\t<time class=\"date published time\" datetime=\"2023-09-18T12:13:11+02:00\" itemprop=\"datePublished\" content=\"2023-09-18T12:13:11+02:00\">18\/09\/2023<\/time>\n\t\t<meta itemprop=\"dateModified\" class=\"date updated\" content=\"2023-09-18T12:13:11+02:00\">\n\t\t<span class=\"hide\" itemprop=\"publisher\" itemscope itemtype=\"https:\/\/schema.org\/Organization\">\n\t\t\t<meta itemprop=\"name\" content=\"Federaci\u00f3 Socialista de Menorca\">\n\t\t\t<span itemprop=\"logo\" itemscope itemtype=\"https:\/\/schema.org\/ImageObject\">\n\t\t\t\t<meta itemprop=\"url\" content=\"https:\/\/www.psib-psoe.org\/menorca\/wp-content\/themes\/notio-wp\/assets\/img\/logo.png\">\n\t\t\t<\/span>\n\t\t\t<meta itemprop=\"url\" content=\"https:\/\/www.psib-psoe.org\/menorca\/\">\n\t\t<\/span>\n\t\t\t\t<meta itemscope itemprop=\"mainEntityOfPage\" itemtype=\"https:\/\/schema.org\/WebPage\" itemid=\"https:\/\/www.psib-psoe.org\/menorca\/menorca-talaiotica-declarada-patrimoni-mundial-de-la-unesco-per-susana-mora\/\">\n\t<\/aside>\n\t\t<\/article>\n<\/div>\n<div class=\"small-12 large-4 columns\">\n\t<article itemscope itemtype=\"http:\/\/schema.org\/Article\" class=\"post blog-style7 alt post-26415 type-post status-publish format-standard hentry category-federacio-de-menorca category-federacio-de-menorca-portada category-municipis category-portada\" role=\"article\">\n\t\t<figure class=\"post-gallery\"><\/figure>\n\t\t<div class=\"blog-top\">\n\t\t\t<header class=\"post-title entry-header\">\n\t\t\t\t<aside class=\"post-meta cf\">\n\t\t15\/09\/2023 \/ <a href=\"https:\/\/www.psib-psoe.org\/menorca\/category\/federacio-de-menorca\/\" rel=\"category tag\">Federaci\u00f3 de Menorca<\/a>, <a href=\"https:\/\/www.psib-psoe.org\/menorca\/category\/federacio-de-menorca-portada\/\" rel=\"category tag\">Federaci\u00f3 de Menorca - Portada<\/a>, <a href=\"https:\/\/www.psib-psoe.org\/menorca\/category\/municipis\/\" rel=\"category tag\">Municipis<\/a>, <a href=\"https:\/\/www.psib-psoe.org\/menorca\/category\/portada\/\" rel=\"category tag\">Portada<\/a><\/aside>\n\t\t\t\t<h3 itemprop=\"headline\"><a href=\"https:\/\/www.psib-psoe.org\/menorca\/el-psoe-menorca-critica-que-la-representacio-menorquina-que-viatja-a-riad-no-te-en-compte-la-representacio-de-tots-els-grups-politics-del-consell-insular\/\" title=\"El PSOE Menorca critica que la representaci\u00f3 menorquina que viatja a Riad no t\u00e9 en compte la representaci\u00f3 de tots els grups pol\u00edtics del Consell Insular\">El PSOE Menorca critica que la representaci\u00f3 menorquina que viatja a Riad no t\u00e9 en compte la representaci\u00f3 de tots els grups pol\u00edtics del Consell Insular<\/a><\/h3>\n\t\t\t<\/header>\n\t\t<\/div>\n\t\t<div class=\"post-content\">\n\t\t\t<a href=\"https:\/\/www.psib-psoe.org\/menorca\/el-psoe-menorca-critica-que-la-representacio-menorquina-que-viatja-a-riad-no-te-en-compte-la-representacio-de-tots-els-grups-politics-del-consell-insular\/\" class=\"more-link\">Read More<\/a>\n\t\t<\/div>\n\t\t\t<aside class=\"post-bottom-meta hide\">\n\t\t<strong rel=\"author\" itemprop=\"author\" class=\"author vcard\"><span class=\"fn\">PSOE Menorca<\/span><\/strong>\n\t\t<time class=\"date published time\" datetime=\"2023-09-15T12:02:05+02:00\" itemprop=\"datePublished\" content=\"2023-09-15T12:02:05+02:00\">15\/09\/2023<\/time>\n\t\t<meta itemprop=\"dateModified\" class=\"date updated\" content=\"2023-09-15T12:02:05+02:00\">\n\t\t<span class=\"hide\" itemprop=\"publisher\" itemscope itemtype=\"https:\/\/schema.org\/Organization\">\n\t\t\t<meta itemprop=\"name\" content=\"Federaci\u00f3 Socialista de Menorca\">\n\t\t\t<span itemprop=\"logo\" itemscope itemtype=\"https:\/\/schema.org\/ImageObject\">\n\t\t\t\t<meta itemprop=\"url\" content=\"https:\/\/www.psib-psoe.org\/menorca\/wp-content\/themes\/notio-wp\/assets\/img\/logo.png\">\n\t\t\t<\/span>\n\t\t\t<meta itemprop=\"url\" content=\"https:\/\/www.psib-psoe.org\/menorca\/\">\n\t\t<\/span>\n\t\t\t\t<meta itemscope itemprop=\"mainEntityOfPage\" itemtype=\"https:\/\/schema.org\/WebPage\" itemid=\"https:\/\/www.psib-psoe.org\/menorca\/el-psoe-menorca-critica-que-la-representacio-menorquina-que-viatja-a-riad-no-te-en-compte-la-representacio-de-tots-els-grups-politics-del-consell-insular\/\">\n\t<\/aside>\n\t\t<\/article>\n<\/div>\n<div class=\"small-12 large-4 columns\">\n\t<article itemscope itemtype=\"http:\/\/schema.org\/Article\" class=\"post blog-style7 alt post-26399 type-post status-publish format-standard hentry category-federacio-de-menorca category-federacio-de-menorca-portada category-municipis category-portada\" role=\"article\">\n\t\t<figure class=\"post-gallery\"><\/figure>\n\t\t<div class=\"blog-top\">\n\t\t\t<header class=\"post-title entry-header\">\n\t\t\t\t<aside class=\"post-meta cf\">\n\t\t19\/07\/2023 \/ <a href=\"https:\/\/www.psib-psoe.org\/menorca\/category\/federacio-de-menorca\/\" rel=\"category tag\">Federaci\u00f3 de Menorca<\/a>, <a href=\"https:\/\/www.psib-psoe.org\/menorca\/category\/federacio-de-menorca-portada\/\" rel=\"category tag\">Federaci\u00f3 de Menorca - Portada<\/a>, <a href=\"https:\/\/www.psib-psoe.org\/menorca\/category\/municipis\/\" rel=\"category tag\">Municipis<\/a>, <a href=\"https:\/\/www.psib-psoe.org\/menorca\/category\/portada\/\" rel=\"category tag\">Portada<\/a><\/aside>\n\t\t\t\t<h3 itemprop=\"headline\"><a href=\"https:\/\/www.psib-psoe.org\/menorca\/el-psoe-menorca-es-marca-com-a-objectiu-reforcar-els-serveis-publics-del-pais-per-oferir-una-millor-atencio-a-la-societat\/\" title=\"El PSOE Menorca es marca com a objectiu refor\u00e7ar els serveis p\u00fablics del pa\u00eds per oferir una millor atenci\u00f3 a la societat\">El PSOE Menorca es marca com a objectiu refor\u00e7ar els serveis p\u00fablics del pa\u00eds per oferir una millor atenci\u00f3 a la societat<\/a><\/h3>\n\t\t\t<\/header>\n\t\t<\/div>\n\t\t<div class=\"post-content\">\n\t\t\t<a href=\"https:\/\/www.psib-psoe.org\/menorca\/el-psoe-menorca-es-marca-com-a-objectiu-reforcar-els-serveis-publics-del-pais-per-oferir-una-millor-atencio-a-la-societat\/\" class=\"more-link\">Read More<\/a>\n\t\t<\/div>\n\t\t\t<aside class=\"post-bottom-meta hide\">\n\t\t<strong rel=\"author\" itemprop=\"author\" class=\"author vcard\"><span class=\"fn\">PSOE Menorca<\/span><\/strong>\n\t\t<time class=\"date published time\" datetime=\"2023-07-19T13:05:15+02:00\" itemprop=\"datePublished\" content=\"2023-07-19T13:05:15+02:00\">19\/07\/2023<\/time>\n\t\t<meta itemprop=\"dateModified\" class=\"date updated\" content=\"2023-07-19T13:05:15+02:00\">\n\t\t<span class=\"hide\" itemprop=\"publisher\" itemscope itemtype=\"https:\/\/schema.org\/Organization\">\n\t\t\t<meta itemprop=\"name\" content=\"Federaci\u00f3 Socialista de Menorca\">\n\t\t\t<span itemprop=\"logo\" itemscope itemtype=\"https:\/\/schema.org\/ImageObject\">\n\t\t\t\t<meta itemprop=\"url\" content=\"https:\/\/www.psib-psoe.org\/menorca\/wp-content\/themes\/notio-wp\/assets\/img\/logo.png\">\n\t\t\t<\/span>\n\t\t\t<meta itemprop=\"url\" content=\"https:\/\/www.psib-psoe.org\/menorca\/\">\n\t\t<\/span>\n\t\t\t\t<meta itemscope itemprop=\"mainEntityOfPage\" itemtype=\"https:\/\/schema.org\/WebPage\" itemid=\"https:\/\/www.psib-psoe.org\/menorca\/el-psoe-menorca-es-marca-com-a-objectiu-reforcar-els-serveis-publics-del-pais-per-oferir-una-millor-atencio-a-la-societat\/\">\n\t<\/aside>\n\t\t<\/article>\n<\/div>\n<div class=\"small-12 large-4 columns\">\n\t<article itemscope itemtype=\"http:\/\/schema.org\/Article\" class=\"post blog-style7 alt post-26397 type-post status-publish format-standard hentry category-federacio-de-menorca category-federacio-de-menorca-portada category-municipis category-portada\" role=\"article\">\n\t\t<figure class=\"post-gallery\"><\/figure>\n\t\t<div class=\"blog-top\">\n\t\t\t<header class=\"post-title entry-header\">\n\t\t\t\t<aside class=\"post-meta cf\">\n\t\t18\/07\/2023 \/ <a href=\"https:\/\/www.psib-psoe.org\/menorca\/category\/federacio-de-menorca\/\" rel=\"category tag\">Federaci\u00f3 de Menorca<\/a>, <a href=\"https:\/\/www.psib-psoe.org\/menorca\/category\/federacio-de-menorca-portada\/\" rel=\"category tag\">Federaci\u00f3 de Menorca - Portada<\/a>, <a href=\"https:\/\/www.psib-psoe.org\/menorca\/category\/municipis\/\" rel=\"category tag\">Municipis<\/a>, <a href=\"https:\/\/www.psib-psoe.org\/menorca\/category\/portada\/\" rel=\"category tag\">Portada<\/a><\/aside>\n\t\t\t\t<h3 itemprop=\"headline\"><a href=\"https:\/\/www.psib-psoe.org\/menorca\/el-psoe-menorca-vol-impulsar-un-observatori-de-preus-que-garanteixi-el-compliment-de-la-cadena-alimentaria\/\" title=\"El PSOE Menorca vol impulsar un observatori de preus que garanteixi el compliment de la cadena aliment\u00e0ria\">El PSOE Menorca vol impulsar un observatori de preus que garanteixi el compliment de la cadena aliment\u00e0ria<\/a><\/h3>\n\t\t\t<\/header>\n\t\t<\/div>\n\t\t<div class=\"post-content\">\n\t\t\t<a href=\"https:\/\/www.psib-psoe.org\/menorca\/el-psoe-menorca-vol-impulsar-un-observatori-de-preus-que-garanteixi-el-compliment-de-la-cadena-alimentaria\/\" class=\"more-link\">Read More<\/a>\n\t\t<\/div>\n\t\t\t<aside class=\"post-bottom-meta hide\">\n\t\t<strong rel=\"author\" itemprop=\"author\" class=\"author vcard\"><span class=\"fn\">PSOE Menorca<\/span><\/strong>\n\t\t<time class=\"date published time\" datetime=\"2023-07-18T11:57:52+02:00\" itemprop=\"datePublished\" content=\"2023-07-18T11:57:52+02:00\">18\/07\/2023<\/time>\n\t\t<meta itemprop=\"dateModified\" class=\"date updated\" content=\"2023-07-18T11:57:52+02:00\">\n\t\t<span class=\"hide\" itemprop=\"publisher\" itemscope itemtype=\"https:\/\/schema.org\/Organization\">\n\t\t\t<meta itemprop=\"name\" content=\"Federaci\u00f3 Socialista de Menorca\">\n\t\t\t<span itemprop=\"logo\" itemscope itemtype=\"https:\/\/schema.org\/ImageObject\">\n\t\t\t\t<meta itemprop=\"url\" content=\"https:\/\/www.psib-psoe.org\/menorca\/wp-content\/themes\/notio-wp\/assets\/img\/logo.png\">\n\t\t\t<\/span>\n\t\t\t<meta itemprop=\"url\" content=\"https:\/\/www.psib-psoe.org\/menorca\/\">\n\t\t<\/span>\n\t\t\t\t<meta itemscope itemprop=\"mainEntityOfPage\" itemtype=\"https:\/\/schema.org\/WebPage\" itemid=\"https:\/\/www.psib-psoe.org\/menorca\/el-psoe-menorca-vol-impulsar-un-observatori-de-preus-que-garanteixi-el-compliment-de-la-cadena-alimentaria\/\">\n\t<\/aside>\n\t\t<\/article>\n<\/div>\n<div class=\"small-12 large-4 columns\">\n\t<article itemscope itemtype=\"http:\/\/schema.org\/Article\" class=\"post blog-style7 alt post-26392 type-post status-publish format-standard hentry category-federacio-de-menorca category-federacio-de-menorca-portada category-municipis category-portada\" role=\"article\">\n\t\t<figure class=\"post-gallery\"><\/figure>\n\t\t<div class=\"blog-top\">\n\t\t\t<header class=\"post-title entry-header\">\n\t\t\t\t<aside class=\"post-meta cf\">\n\t\t14\/07\/2023 \/ <a href=\"https:\/\/www.psib-psoe.org\/menorca\/category\/federacio-de-menorca\/\" rel=\"category tag\">Federaci\u00f3 de Menorca<\/a>, <a href=\"https:\/\/www.psib-psoe.org\/menorca\/category\/federacio-de-menorca-portada\/\" rel=\"category tag\">Federaci\u00f3 de Menorca - Portada<\/a>, <a href=\"https:\/\/www.psib-psoe.org\/menorca\/category\/municipis\/\" rel=\"category tag\">Municipis<\/a>, <a href=\"https:\/\/www.psib-psoe.org\/menorca\/category\/portada\/\" rel=\"category tag\">Portada<\/a><\/aside>\n\t\t\t\t<h3 itemprop=\"headline\"><a href=\"https:\/\/www.psib-psoe.org\/menorca\/el-psoe-menorca-impulsara-la-creacio-duna-comissio-al-senat-que-garanteixi-el-financament-dels-territoris-declarats-com-a-reserva-de-biosfera\/\" title=\"El PSOE Menorca impulsar\u00e0 la creaci\u00f3 d&#8217;una Comissi\u00f3 al Senat que garanteixi el finan\u00e7ament dels territoris declarats com a Reserva de Biosfera\">El PSOE Menorca impulsar\u00e0 la creaci\u00f3 d&#8217;una Comissi\u00f3 al Senat que garanteixi el finan\u00e7ament dels territoris declarats com a Reserva de Biosfera<\/a><\/h3>\n\t\t\t<\/header>\n\t\t<\/div>\n\t\t<div class=\"post-content\">\n\t\t\t<a href=\"https:\/\/www.psib-psoe.org\/menorca\/el-psoe-menorca-impulsara-la-creacio-duna-comissio-al-senat-que-garanteixi-el-financament-dels-territoris-declarats-com-a-reserva-de-biosfera\/\" class=\"more-link\">Read More<\/a>\n\t\t<\/div>\n\t\t\t<aside class=\"post-bottom-meta hide\">\n\t\t<strong rel=\"author\" itemprop=\"author\" class=\"author vcard\"><span class=\"fn\">PSOE Menorca<\/span><\/strong>\n\t\t<time class=\"date published time\" datetime=\"2023-07-14T12:07:54+02:00\" itemprop=\"datePublished\" content=\"2023-07-14T12:07:54+02:00\">14\/07\/2023<\/time>\n\t\t<meta itemprop=\"dateModified\" class=\"date updated\" content=\"2023-07-14T12:07:54+02:00\">\n\t\t<span class=\"hide\" itemprop=\"publisher\" itemscope itemtype=\"https:\/\/schema.org\/Organization\">\n\t\t\t<meta itemprop=\"name\" content=\"Federaci\u00f3 Socialista de Menorca\">\n\t\t\t<span itemprop=\"logo\" itemscope itemtype=\"https:\/\/schema.org\/ImageObject\">\n\t\t\t\t<meta itemprop=\"url\" content=\"https:\/\/www.psib-psoe.org\/menorca\/wp-content\/themes\/notio-wp\/assets\/img\/logo.png\">\n\t\t\t<\/span>\n\t\t\t<meta itemprop=\"url\" content=\"https:\/\/www.psib-psoe.org\/menorca\/\">\n\t\t<\/span>\n\t\t\t\t<meta itemscope itemprop=\"mainEntityOfPage\" itemtype=\"https:\/\/schema.org\/WebPage\" itemid=\"https:\/\/www.psib-psoe.org\/menorca\/el-psoe-menorca-impulsara-la-creacio-duna-comissio-al-senat-que-garanteixi-el-financament-dels-territoris-declarats-com-a-reserva-de-biosfera\/\">\n\t<\/aside>\n\t\t<\/article>\n<\/div>\n\t<\/div>\n\t[vc_btn title=&#8221;Veure not\u00edcies antigues&#8221; style=&#8221;outline-custom&#8221; outline_custom_color=&#8221;#e20025&#8243; outline_custom_hover_background=&#8221;#e20025&#8243; outline_custom_hover_text=&#8221;#ffffff&#8221; shape=&#8221;square&#8221; align=&#8221;center&#8221; link=&#8221;url:https%3A%2F%2Fpsoemenorca.com%2Fhemeroteca||target:%20_blank|&#8221;][\/vc_column][\/vc_row]\n<\/div>","protected":false},"excerpt":{"rendered":"<p>[vc_row content_placement=&#8221;bottom&#8221; disable_element=&#8221;yes&#8221;][vc_column][vc_empty_space height=&#8221;100px&#8221;][vc_column_text css=&#8221;.vc_custom_1560254362900{padding-left: 15px !important;}&#8221;] Actualitat: Municipis [\/vc_column_text][vc_separator color=&#8221;custom&#8221; align=&#8221;align_left&#8221; border_width=&#8221;3&#8243; el_width=&#8221;10&#8243; accent_color=&#8221;#e30613&#8243; css=&#8221;.vc_custom_1527088004802{padding-top: 10px !important;padding-left: 15px !important;}&#8221;][vc_empty_space height=&#8221;60px&#8221;][vc_wp_custommenu nav_menu=&#8221;67&#8243; el_class=&#8221;filtros&#8221;][vc_btn title=&#8221;Veure not\u00edcies antigues&#8221; style=&#8221;outline-custom&#8221; outline_custom_color=&#8221;#e20025&#8243; outline_custom_hover_background=&#8221;#e20025&#8243; outline_custom_hover_text=&#8221;#ffffff&#8221; shape=&#8221;square&#8221; align=&#8221;center&#8221; link=&#8221;url:https%3A%2F%2Fpsoemenorca.com%2Fhemeroteca||target:%20_blank|&#8221;][\/vc_column][\/vc_row][vc_row][vc_column][vc_empty_space height=&#8221;100px&#8221;][vc_column_text] Actualitat: Municipis [\/vc_column_text][vc_separator color=&#8221;custom&#8221; align=&#8221;align_left&#8221; border_width=&#8221;3&#8243; el_width=&#8221;10&#8243; accent_color=&#8221;#e30613&#8243;][vc_empty_space height=&#8221;60px&#8221;][vc_wp_custommenu nav_menu=&#8221;67&#8243; el_class=&#8221;filtros&#8221;][vc_btn title=&#8221;Veure not\u00edcies antigues&#8221; style=&#8221;outline-custom&#8221; outline_custom_color=&#8221;#e20025&#8243; outline_custom_hover_background=&#8221;#e20025&#8243; outline_custom_hover_text=&#8221;#ffffff&#8221; shape=&#8221;square&#8221; align=&#8221;center&#8221; link=&#8221;url:https%3A%2F%2Fpsoemenorca.com%2Fhemeroteca||target:%20_blank|&#8221;][\/vc_column][\/vc_row]<\/p>\n","protected":false},"author":1,"featured_media":0,"parent":0,"menu_order":0,"comment_status":"closed","ping_status":"closed","template":"","meta":{"footnotes":""},"class_list":["post-23850","page","type-page","status-publish","hentry"],"_links":{"self":[{"href":"https:\/\/www.psib-psoe.org\/menorca\/wp-json\/wp\/v2\/pages\/23850"}],"collection":[{"href":"https:\/\/www.psib-psoe.org\/menorca\/wp-json\/wp\/v2\/pages"}],"about":[{"href":"https:\/\/www.psib-psoe.org\/menorca\/wp-json\/wp\/v2\/types\/page"}],"author":[{"embeddable":true,"href":"https:\/\/www.psib-psoe.org\/menorca\/wp-json\/wp\/v2\/users\/1"}],"replies":[{"embeddable":true,"href":"https:\/\/www.psib-psoe.org\/menorca\/wp-json\/wp\/v2\/comments?post=23850"}],"version-history":[{"count":0,"href":"https:\/\/www.psib-psoe.org\/menorca\/wp-json\/wp\/v2\/pages\/23850\/revisions"}],"wp:attachment":[{"href":"https:\/\/www.psib-psoe.org\/menorca\/wp-json\/wp\/v2\/media?parent=23850"}],"curies":[{"name":"wp","href":"https:\/\/api.w.org\/{rel}","templated":true}]}}