{"id":25345,"date":"2020-04-20T14:25:59","date_gmt":"2020-04-20T12:25:59","guid":{"rendered":"http:\/\/www.psib-psoe.org\/menorca\/?page_id=25345"},"modified":"2021-08-12T09:31:07","modified_gmt":"2021-08-12T07:31:07","slug":"covid19-menorca","status":"publish","type":"page","link":"https:\/\/www.psib-psoe.org\/menorca\/covid19-menorca\/","title":{"rendered":"Covid-19 Menorca"},"content":{"rendered":"<div class=\"wpb-content-wrapper\">[vc_row css=&#8221;.vc_custom_1546869663460{padding-top: 100px !important;}&#8221;][vc_column width=&#8221;1\/2&#8243;][vc_single_image image=&#8221;25385&#8243; img_size=&#8221;full&#8221;][vc_empty_space][\/vc_column][vc_column width=&#8221;1\/2&#8243;][vc_column_text]\n<h2 class=\"bold\" style=\"color: #e30613;\">Amics i amigues,<\/h2>\n[\/vc_column_text][vc_separator color=&#8221;custom&#8221; align=&#8221;align_left&#8221; border_width=&#8221;3&#8243; el_width=&#8221;20&#8243; accent_color=&#8221;#e30613&#8243; css=&#8221;.vc_custom_1527088328168{padding-top: 10px !important;}&#8221;][vc_column_text]Estem vivint moments d\u2019incertesa a causa d&#8217;una pand\u00e8mia mundial, i des del Consell Insular feim feina dia a dia des del comprom\u00eds per <strong>fer front als seus efectes<\/strong>, per\u00a0<strong>impulsar la nostra economia<\/strong> i <strong>estar al costat dels que m\u00e9s ho necessiten<\/strong>.<\/p>\n<p>Aix\u00ed, el <strong>benestar<\/strong> i la <strong>salut<\/strong> de menorquins i menorquines, juntament amb la <strong>reactivaci\u00f3 socioecon\u00f2mica<\/strong> de Menorca, ha estat, \u00e9s i ser\u00e0 la m\u00e0xima <strong>prioritat<\/strong> en les pol\u00edtiques que impulsem\u00a0des de totes les administracions amb un objectiu com\u00fa: <strong>no deixar que ning\u00fa quedi enrere<\/strong>.<\/p>\n<p>Aquest paradigma, per\u00f2, no hagu\u00e9s estat possible sense <strong>l\u2019esfor\u00e7, perseveran\u00e7a i exemple<\/strong> que ha demostrat al llarg de tots aquests mesos la societat menorquina. <strong>Junts, som m\u00e9s forts!<\/strong>[\/vc_column_text][vc_empty_space height=&#8221;16px&#8221;][vc_empty_space height=&#8221;16px&#8221;][vc_empty_space height=&#8221;16px&#8221;][\/vc_column][\/vc_row][vc_row][vc_column width=&#8221;1\/2&#8243;][vc_separator][vc_empty_space][vc_empty_space][vc_column_text]\n<h2 class=\"bold\" style=\"color: #e30613;\">L&#8217;objectiu de no deixar ning\u00fa enrere<\/h2>\n[\/vc_column_text][vc_separator color=&#8221;custom&#8221; align=&#8221;align_left&#8221; border_width=&#8221;3&#8243; el_width=&#8221;20&#8243; accent_color=&#8221;#e30613&#8243;][vc_empty_space][vc_column_text]El Govern d\u2019Espanya, el Govern de les Illes Balears i els agents socials, en el marc de la Mesa de Di\u00e0leg Social estatal celebrada a les Illes, han signat un <strong>acord social hist\u00f2ric<\/strong> per protegir m\u00e9s de 85.000 treballadors de l\u2019arxip\u00e8lag que recull mesures molt reivindicades pels i les socialistes de les Balears:<\/p>\n<p>Una <strong>prestaci\u00f3 extraordin\u00e0ria per als fixos discontinus<\/strong>\u00a0i les <strong>pr\u00f2rrogues dels ERTO<\/strong>, de la <strong>prestaci\u00f3 per cessament d\u2019activitats per als aut\u00f2noms<\/strong> i de la <strong>prohibici\u00f3 d\u2019acomiadar<\/strong>fins al 31 de maig de 2021.[\/vc_column_text][vc_empty_space][\/vc_column][vc_column width=&#8221;1\/2&#8243;][vc_separator][vc_empty_space][vc_empty_space][vc_video link=&#8221;https:\/\/www.youtube.com\/watch?v=t-kRw8zm6Rk&amp;feature=emb_title&#8221;][vc_empty_space height=&#8221;70px&#8221;][\/vc_column][vc_column][vc_separator][vc_empty_space][vc_empty_space][vc_row_inner][vc_column_inner width=&#8221;1\/2&#8243;][vc_video link=&#8221;https:\/\/www.youtube.com\/watch?v=15U4gqJO8Bg&amp;feature=emb_title&#8221;][\/vc_column_inner][vc_column_inner width=&#8221;1\/2&#8243;][vc_column_text]\n<h2 class=\"bold\" style=\"color: #e30613;\">Pla de xoc per a l&#8217;ocupaci\u00f3<\/h2>\n[\/vc_column_text][vc_separator color=&#8221;custom&#8221; align=&#8221;align_left&#8221; border_width=&#8221;3&#8243; el_width=&#8221;20&#8243; accent_color=&#8221;#e30613&#8243;][vc_column_text]Tamb\u00e9 amb el comprom\u00eds d\u2019assolir una recuperaci\u00f3 justa que no deixi ning\u00fa enrere, el Govern de les Illes Balears ha posat en marxa un <a href=\"http:\/\/www.caib.es\/pidip2front\/jsp\/adjunto?codi=2526620&amp;idioma=ca\" target=\"_blank\" rel=\"noopener noreferrer\"><strong>Pla de Xoc per a l\u2019Ocupaci\u00f3<\/strong><\/a> amb una inversi\u00f3 de m\u00e9s de 72 milions d\u2019euros i capacitat per beneficiar m\u00e9s de 83.000 treballadors de la nostra Comunitat Aut\u00f2noma, i un <a href=\"http:\/\/www.caib.es\/pidip2front\/jsp\/adjunto?codi=2564240&amp;idioma=ca\" target=\"_blank\" rel=\"noopener noreferrer\"><strong>Pla d\u2019Acompanyament<\/strong><\/a> de m\u00e9s de 103 milions d\u2019euros per als sectors afectats per les restriccions.[\/vc_column_text][vc_empty_space][\/vc_column_inner][\/vc_row_inner][vc_empty_space][vc_empty_space][vc_row_inner][vc_column_inner width=&#8221;1\/2&#8243;][vc_column_text]\n<h2 class=\"bold\" style=\"color: #e30613;\">Paquet d&#8217;ajudes de 1.000 milions d&#8217;euros<\/h2>\n[\/vc_column_text][vc_separator color=&#8221;custom&#8221; align=&#8221;align_left&#8221; border_width=&#8221;3&#8243; el_width=&#8221;20&#8243; accent_color=&#8221;#e30613&#8243;][vc_column_text]El Govern d\u2019Espanya <strong>at\u00e9n de nou les reivindicacions de la presidenta Armengol<\/strong> i aprova un paquet d\u2019ajudes de <strong>m\u00e9s de mil milions d\u2019euros per a les empreses i aut\u00f2noms de les Illes Balears<\/strong>, dels quals la immensa majoria seran ajudes directes a fons perdut, que els negocis no hauran de tornar.<\/p>\n<p>Aquests recursos, que gestionar\u00e0 directament el Govern de les Illes Balears i que arribaran a <strong>m\u00e9s de 40.000 empreses i aut\u00f2noms de l\u2019arxip\u00e8lag<\/strong> que ocupen m\u00e9s de 255.000 treballadors i treballadores, \u00e9s fruit de la negociaci\u00f3 pol\u00edtica. \u00c9s un acord hist\u00f2ric i se suma als 7.500 milions d\u2019euros que l\u2019Estat ja ha aportat a la nostra Comunitat Aut\u00f2noma.[\/vc_column_text][vc_empty_space][\/vc_column_inner][vc_column_inner width=&#8221;1\/2&#8243;][vc_video link=&#8221;https:\/\/www.youtube.com\/watch?v=97IVbuKj3OY&amp;feature=emb_title&#8221;][\/vc_column_inner][\/vc_row_inner][\/vc_column][vc_column][vc_empty_space][vc_empty_space][vc_column_text]\n<h2>12.000 empreses i aut\u00f2noms rebran els ajuts dels<span class=\"bold\"> 855 milions d\u2019euros<\/span><\/h2>\n[\/vc_column_text][vc_row_inner][vc_column_inner][vc_empty_space][vc_column_text]El Govern de les Illes Balears ha rebut un total d\u2019<strong>11.939 sol\u00b7licituds d\u2019empreses i aut\u00f2noms<\/strong> que han demanat les <strong>ajudes directes de 855 milions d\u2019euros<\/strong> de fons estatals per fer front als efectes econ\u00f2mics de la COVID-19.<\/p>\n<p>En concret, aquestes ajudes directes van dirigides a totes aquelles empreses, de tots els sectors productius, que han registrat una <strong>caiguda dels ingressos durant la pand\u00e8mia del 30%<\/strong>, per a empreses afectades per la <strong>fallida de Thomas Cook<\/strong> o per a les <strong>empreses de recent creaci\u00f3<\/strong> o que van fer <strong>inversions importants<\/strong> en el per\u00edode de refer\u00e8ncia dels ajuts.<\/p>\n<p>Tot el proc\u00e9s s\u2019ha duit a terme <strong>de manera telem\u00e0tica<\/strong> a trav\u00e9s del lloc web <a href=\"https:\/\/ajutscovid.atib.es\"><strong>ajutscovid.atib.es<\/strong><\/a>, on podreu trobar tota la informaci\u00f3 necess\u00e0ria.[\/vc_column_text][vc_separator][vc_empty_space][\/vc_column_inner][\/vc_row_inner][vc_column_text]\n<h2 class=\"bold\" style=\"color: #e30613;\">Estigues al dia a trav\u00e9s de les nostres xarxes socials<\/h2>\n[\/vc_column_text][vc_separator color=&#8221;custom&#8221; align=&#8221;align_left&#8221; border_width=&#8221;3&#8243; el_width=&#8221;20&#8243; accent_color=&#8221;#e30613&#8243;][vc_empty_space][vc_column_text]\n<div class=\"wpb_text_column wpb_content_element \">\n<div class=\"wpb_wrapper\">\n<p><strong>Segueix-nos<\/strong> per rebre les \u00faltimes not\u00edcies. <strong>Gr\u00e0cies<\/strong> per ajudar-nos a difondre.<\/p>\n<\/div>\n<\/div>\n[\/vc_column_text][vc_empty_space][\/vc_column][vc_column][\/vc_column][vc_column][\/vc_column][\/vc_row][vc_row][vc_column width=&#8221;1\/3&#8243;][vc_btn title=&#8221;Facebook&#8221; style=&#8221;outline-custom&#8221; outline_custom_color=&#8221;#e30613&#8243; outline_custom_hover_background=&#8221;#e30613&#8243; outline_custom_hover_text=&#8221;#ffffff&#8221; shape=&#8221;square&#8221; size=&#8221;lg&#8221; align=&#8221;center&#8221; button_block=&#8221;true&#8221; link=&#8221;url:https%3A%2F%2Fwww.facebook.com%2FPSOEMenorca%2F||target:%20_blank|&#8221;][\/vc_column][vc_column width=&#8221;1\/3&#8243;][vc_btn title=&#8221;Twitter&#8221; style=&#8221;outline-custom&#8221; outline_custom_color=&#8221;#e30613&#8243; outline_custom_hover_background=&#8221;#e30613&#8243; outline_custom_hover_text=&#8221;#ffffff&#8221; shape=&#8221;square&#8221; size=&#8221;lg&#8221; align=&#8221;center&#8221; button_block=&#8221;true&#8221; link=&#8221;url:https%3A%2F%2Ftwitter.com%2FPSOEMenorca||target:%20_blank|&#8221;][\/vc_column][vc_column width=&#8221;1\/3&#8243;][vc_btn title=&#8221;Instagram&#8221; style=&#8221;outline-custom&#8221; outline_custom_color=&#8221;#e30613&#8243; outline_custom_hover_background=&#8221;#e30613&#8243; outline_custom_hover_text=&#8221;#ffffff&#8221; shape=&#8221;square&#8221; size=&#8221;lg&#8221; align=&#8221;center&#8221; button_block=&#8221;true&#8221; link=&#8221;url:https%3A%2F%2Fwww.instagram.com%2Fpsoemenorca%2F||target:%20_blank|&#8221;][\/vc_column][vc_column][vc_empty_space][\/vc_column][\/vc_row]\n<\/div>","protected":false},"excerpt":{"rendered":"<p>[vc_row css=&#8221;.vc_custom_1546869663460{padding-top: 100px !important;}&#8221;][vc_column width=&#8221;1\/2&#8243;][vc_single_image image=&#8221;25385&#8243; img_size=&#8221;full&#8221;][vc_empty_space][\/vc_column][vc_column width=&#8221;1\/2&#8243;][vc_column_text] Amics i amigues, [\/vc_column_text][vc_separator color=&#8221;custom&#8221; align=&#8221;align_left&#8221; border_width=&#8221;3&#8243; el_width=&#8221;20&#8243; accent_color=&#8221;#e30613&#8243; css=&#8221;.vc_custom_1527088328168{padding-top: 10px !important;}&#8221;][vc_column_text]Estem vivint moments d\u2019incertesa a causa d&#8217;una pand\u00e8mia mundial, i des del Consell Insular feim feina dia a dia des del comprom\u00eds per fer front als seus efectes, per\u00a0impulsar la nostra economia i estar al costat&hellip;<\/p>\n","protected":false},"author":6,"featured_media":0,"parent":0,"menu_order":0,"comment_status":"closed","ping_status":"closed","template":"","meta":{"footnotes":""},"class_list":["post-25345","page","type-page","status-publish","hentry"],"_links":{"self":[{"href":"https:\/\/www.psib-psoe.org\/menorca\/wp-json\/wp\/v2\/pages\/25345"}],"collection":[{"href":"https:\/\/www.psib-psoe.org\/menorca\/wp-json\/wp\/v2\/pages"}],"about":[{"href":"https:\/\/www.psib-psoe.org\/menorca\/wp-json\/wp\/v2\/types\/page"}],"author":[{"embeddable":true,"href":"https:\/\/www.psib-psoe.org\/menorca\/wp-json\/wp\/v2\/users\/6"}],"replies":[{"embeddable":true,"href":"https:\/\/www.psib-psoe.org\/menorca\/wp-json\/wp\/v2\/comments?post=25345"}],"version-history":[{"count":0,"href":"https:\/\/www.psib-psoe.org\/menorca\/wp-json\/wp\/v2\/pages\/25345\/revisions"}],"wp:attachment":[{"href":"https:\/\/www.psib-psoe.org\/menorca\/wp-json\/wp\/v2\/media?parent=25345"}],"curies":[{"name":"wp","href":"https:\/\/api.w.org\/{rel}","templated":true}]}}